{"id":85625,"date":"2022-11-15T09:58:22","date_gmt":"2022-11-15T14:58:22","guid":{"rendered":"https:\/\/itayachtscanada.com\/?post_type=listing&#038;p=85625"},"modified":"2026-03-27T10:39:29","modified_gmt":"2026-03-27T14:39:29","slug":"arcadia-yacht-a85-2019-e4500000-euros-for-sale","status":"publish","type":"listing","link":"https:\/\/itayachtscanada.com\/fr\/listing\/arcadia-yacht-a85-2019-e4500000-euros-for-sale\/","title":{"rendered":"Arcadia Yacht A85 2019 \u20ac3,990,000 euros a vendre"},"content":{"rendered":"<p><strong>Arcadia Yacht A85 2019 \u20ac3,990,000 euros a vendre<\/strong><\/p>\n<p>Livr\u00e9 en 2019, ce yacht de 25,9 m dispose du plus grand quartier g\u00e9n\u00e9ral de sa cat\u00e9gorie &#8211; plus de 32 m\u00e8tres carr\u00e9s d&rsquo;intimit\u00e9 et de confort.<\/p>\n<p>Cet Acadia A85 est un yacht de style loft, aux espaces tr\u00e8s ouverts, pouvant accueillir jusqu&rsquo;\u00e0 8 invit\u00e9s dans 4 cabines, avec 4 membres d&rsquo;\u00e9quipage attentifs \u00e0 leurs moindres besoins.<\/p>\n<p>Entretenu par le m\u00eame \u00e9quipage depuis sa livraison, et utilis\u00e9 uniquement \u00e0 titre priv\u00e9, il est dans un \u00e9tat impeccable.<\/p>\n<p>Equip\u00e9 de nombreuses fonctionnalit\u00e9s suppl\u00e9mentaires et seulement 920 heures sur les moteurs, il est pr\u00eat \u00e0 partir !<\/p>\n<h3>CET ARCADIA A85, MILU, EST SITU\u00c9 EN ITALIE PR\u00c8S DE NAPLES, APPELEZ-NOUS AU 514-521-1221 POUR TOUS LES D\u00c9TAILS SUR CET ARCADIA YACHT A85, NOTRE BUREAU EST SITU\u00c9 DANS LA GRANDE R\u00c9GION DE MONTR\u00c9AL. NOUS SOMMES SP\u00c9CIALIS\u00c9S AVEC TOUTES LES \u00c9TAPES D&rsquo;UNE PRISE EN CHARGE EN EUROPE ET POUR UNE \u00c9VENTUELLE EXPORTATION EN AM\u00c9RIQUE DU NORD.<\/h3>\n<p>Caract\u00e9ristiques principales :<\/p>\n<p>&#8211; Prix extr\u00eamement avantageux<br \/>\n&#8211; Faibles heures de fonctionnement du moteur et du g\u00e9n\u00e9rateur<br \/>\n&#8211; Nombreuses am\u00e9liorations telles que le marbre dans les salles de bain, une cave \u00e0 vin suppl\u00e9mentaire et une machine \u00e0 glace.<br \/>\n&#8211; Renforcement de la plateforme de bain, possibilit\u00e9 de charger le William Tender 395 avec les invit\u00e9s \u00e0 bord (jusqu&rsquo;\u00e0 900 kg)<br \/>\n&#8211; Finition premium de la coque et de la superstructure avec Awlcraft<br \/>\n&#8211; Syst\u00e8me Hi-Fi Sonos<br \/>\n&#8211; M\u00eame \u00e9quipage depuis la livraison<br \/>\n&#8211; Design prim\u00e9<br \/>\n&#8211; Enti\u00e8rement prot\u00e9g\u00e9 dans un hangar couvert pendant l&rsquo;hiver<\/p>\n<div class=\"html-content-description\">\n<p>&nbsp;<\/p>\n<div class=\"tiled-gallery type-rectangular tiled-gallery-unresized\" data-original-width=\"700\" data-carousel-extra='{&quot;blog_id&quot;:1,&quot;permalink&quot;:&quot;https:\\\/\\\/itayachtscanada.com\\\/fr\\\/listing\\\/arcadia-yacht-a85-2019-e4500000-euros-for-sale\\\/&quot;,&quot;likes_blog_id&quot;:198557287}' itemscope itemtype=\"http:\/\/schema.org\/ImageGallery\" > <div class=\"gallery-row\" style=\"width: 700px; height: 320px;\" data-original-width=\"700\" data-original-height=\"320\" > <div class=\"gallery-group images-1\" style=\"width: 455px; height: 320px;\" data-original-width=\"455\" data-original-height=\"320\" > <div class=\"tiled-gallery-item tiled-gallery-item-large\" itemprop=\"associatedMedia\" itemscope itemtype=\"http:\/\/schema.org\/ImageObject\"> <a href=\"https:\/\/itayachtscanada.com\/fr\/listing\/arcadia-yacht-a85-2019-e4500000-euros-for-sale\/capture-decran-le-2022-11-15-a-09-35-12\/\" border=\"0\" itemprop=\"url\"> <meta itemprop=\"width\" content=\"451\"> <meta itemprop=\"height\" content=\"316\"> <img decoding=\"async\" class=\"\" data-attachment-id=\"85639\" data-orig-file=\"https:\/\/itayachtscanada.com\/wp-content\/uploads\/2022\/11\/Capture-decran-le-2022-11-15-a-09.35.12.png\" data-orig-size=\"1164,816\" data-comments-opened=\"1\" data-image-meta=\"{&quot;aperture&quot;:&quot;0&quot;,&quot;credit&quot;:&quot;&quot;,&quot;camera&quot;:&quot;&quot;,&quot;caption&quot;:&quot;&quot;,&quot;created_timestamp&quot;:&quot;0&quot;,&quot;copyright&quot;:&quot;&quot;,&quot;focal_length&quot;:&quot;0&quot;,&quot;iso&quot;:&quot;0&quot;,&quot;shutter_speed&quot;:&quot;0&quot;,&quot;title&quot;:&quot;&quot;,&quot;orientation&quot;:&quot;0&quot;}\" data-image-title=\"Capture d\u2019\u00e9cran, le 2022-11-15 \u00e0 09.35.12\" data-image-description=\"\" data-medium-file=\"https:\/\/i0.wp.com\/itayachtscanada.com\/wp-content\/uploads\/2022\/11\/Capture-decran-le-2022-11-15-a-09.35.12.png?fit=300%2C210&#038;ssl=1\" data-large-file=\"https:\/\/i0.wp.com\/itayachtscanada.com\/wp-content\/uploads\/2022\/11\/Capture-decran-le-2022-11-15-a-09.35.12.png?fit=700%2C491&#038;ssl=1\" src=\"https:\/\/i0.wp.com\/itayachtscanada.com\/wp-content\/uploads\/2022\/11\/Capture-decran-le-2022-11-15-a-09.35.12.png?w=451&#038;h=316&#038;ssl=1\" srcset=\"https:\/\/i0.wp.com\/itayachtscanada.com\/wp-content\/uploads\/2022\/11\/Capture-decran-le-2022-11-15-a-09.35.12.png?w=1164&amp;ssl=1 1164w, https:\/\/i0.wp.com\/itayachtscanada.com\/wp-content\/uploads\/2022\/11\/Capture-decran-le-2022-11-15-a-09.35.12.png?resize=300%2C210&amp;ssl=1 300w, https:\/\/i0.wp.com\/itayachtscanada.com\/wp-content\/uploads\/2022\/11\/Capture-decran-le-2022-11-15-a-09.35.12.png?resize=1024%2C718&amp;ssl=1 1024w, https:\/\/i0.wp.com\/itayachtscanada.com\/wp-content\/uploads\/2022\/11\/Capture-decran-le-2022-11-15-a-09.35.12.png?resize=768%2C538&amp;ssl=1 768w, https:\/\/i0.wp.com\/itayachtscanada.com\/wp-content\/uploads\/2022\/11\/Capture-decran-le-2022-11-15-a-09.35.12.png?resize=700%2C491&amp;ssl=1 700w, https:\/\/i0.wp.com\/itayachtscanada.com\/wp-content\/uploads\/2022\/11\/Capture-decran-le-2022-11-15-a-09.35.12.png?resize=571%2C400&amp;ssl=1 571w\" width=\"451\" height=\"316\" loading=\"lazy\" data-original-width=\"451\" data-original-height=\"316\" itemprop=\"http:\/\/schema.org\/image\" title=\"Capture d\u2019\u00e9cran, le 2022-11-15 \u00e0 09.35.12\" alt=\"Capture d\u2019\u00e9cran, le 2022-11-15 \u00e0 09.35.12\" style=\"width: 451px; height: 316px;\" \/> <\/a> <\/div> <\/div> <!-- close group --> <div class=\"gallery-group images-2\" style=\"width: 245px; height: 320px;\" data-original-width=\"245\" data-original-height=\"320\" > <div class=\"tiled-gallery-item tiled-gallery-item-small\" itemprop=\"associatedMedia\" itemscope itemtype=\"http:\/\/schema.org\/ImageObject\"> <a href=\"https:\/\/itayachtscanada.com\/fr\/listing\/arcadia-yacht-a85-2019-e4500000-euros-for-sale\/capture-decran-le-2022-11-15-a-09-34-57\/\" border=\"0\" itemprop=\"url\"> <meta itemprop=\"width\" content=\"241\"> <meta itemprop=\"height\" content=\"169\"> <img decoding=\"async\" class=\"\" data-attachment-id=\"85644\" data-orig-file=\"https:\/\/itayachtscanada.com\/wp-content\/uploads\/2022\/11\/Capture-decran-le-2022-11-15-a-09.34.57.png\" data-orig-size=\"1164,816\" data-comments-opened=\"1\" data-image-meta=\"{&quot;aperture&quot;:&quot;0&quot;,&quot;credit&quot;:&quot;&quot;,&quot;camera&quot;:&quot;&quot;,&quot;caption&quot;:&quot;&quot;,&quot;created_timestamp&quot;:&quot;0&quot;,&quot;copyright&quot;:&quot;&quot;,&quot;focal_length&quot;:&quot;0&quot;,&quot;iso&quot;:&quot;0&quot;,&quot;shutter_speed&quot;:&quot;0&quot;,&quot;title&quot;:&quot;&quot;,&quot;orientation&quot;:&quot;0&quot;}\" data-image-title=\"Capture d\u2019\u00e9cran, le 2022-11-15 \u00e0 09.34.57\" data-image-description=\"\" data-medium-file=\"https:\/\/i0.wp.com\/itayachtscanada.com\/wp-content\/uploads\/2022\/11\/Capture-decran-le-2022-11-15-a-09.34.57.png?fit=300%2C210&#038;ssl=1\" data-large-file=\"https:\/\/i0.wp.com\/itayachtscanada.com\/wp-content\/uploads\/2022\/11\/Capture-decran-le-2022-11-15-a-09.34.57.png?fit=700%2C491&#038;ssl=1\" src=\"https:\/\/i0.wp.com\/itayachtscanada.com\/wp-content\/uploads\/2022\/11\/Capture-decran-le-2022-11-15-a-09.34.57.png?w=241&#038;h=169&#038;ssl=1\" srcset=\"https:\/\/i0.wp.com\/itayachtscanada.com\/wp-content\/uploads\/2022\/11\/Capture-decran-le-2022-11-15-a-09.34.57.png?w=1164&amp;ssl=1 1164w, https:\/\/i0.wp.com\/itayachtscanada.com\/wp-content\/uploads\/2022\/11\/Capture-decran-le-2022-11-15-a-09.34.57.png?resize=300%2C210&amp;ssl=1 300w, https:\/\/i0.wp.com\/itayachtscanada.com\/wp-content\/uploads\/2022\/11\/Capture-decran-le-2022-11-15-a-09.34.57.png?resize=1024%2C718&amp;ssl=1 1024w, https:\/\/i0.wp.com\/itayachtscanada.com\/wp-content\/uploads\/2022\/11\/Capture-decran-le-2022-11-15-a-09.34.57.png?resize=768%2C538&amp;ssl=1 768w, https:\/\/i0.wp.com\/itayachtscanada.com\/wp-content\/uploads\/2022\/11\/Capture-decran-le-2022-11-15-a-09.34.57.png?resize=700%2C491&amp;ssl=1 700w, https:\/\/i0.wp.com\/itayachtscanada.com\/wp-content\/uploads\/2022\/11\/Capture-decran-le-2022-11-15-a-09.34.57.png?resize=571%2C400&amp;ssl=1 571w\" width=\"241\" height=\"169\" loading=\"lazy\" data-original-width=\"241\" data-original-height=\"169\" itemprop=\"http:\/\/schema.org\/image\" title=\"Capture d\u2019\u00e9cran, le 2022-11-15 \u00e0 09.34.57\" alt=\"Capture d\u2019\u00e9cran, le 2022-11-15 \u00e0 09.34.57\" style=\"width: 241px; height: 169px;\" \/> <\/a> <\/div> <div class=\"tiled-gallery-item tiled-gallery-item-small\" itemprop=\"associatedMedia\" itemscope itemtype=\"http:\/\/schema.org\/ImageObject\"> <a href=\"https:\/\/itayachtscanada.com\/fr\/listing\/arcadia-yacht-a85-2019-e4500000-euros-for-sale\/capture-decran-le-2022-11-15-a-09-33-48\/\" border=\"0\" itemprop=\"url\"> <meta itemprop=\"width\" content=\"241\"> <meta itemprop=\"height\" content=\"143\"> <img decoding=\"async\" class=\"\" data-attachment-id=\"85656\" data-orig-file=\"https:\/\/itayachtscanada.com\/wp-content\/uploads\/2022\/11\/Capture-decran-le-2022-11-15-a-09.33.48.png\" data-orig-size=\"1166,692\" data-comments-opened=\"1\" data-image-meta=\"{&quot;aperture&quot;:&quot;0&quot;,&quot;credit&quot;:&quot;&quot;,&quot;camera&quot;:&quot;&quot;,&quot;caption&quot;:&quot;&quot;,&quot;created_timestamp&quot;:&quot;0&quot;,&quot;copyright&quot;:&quot;&quot;,&quot;focal_length&quot;:&quot;0&quot;,&quot;iso&quot;:&quot;0&quot;,&quot;shutter_speed&quot;:&quot;0&quot;,&quot;title&quot;:&quot;&quot;,&quot;orientation&quot;:&quot;0&quot;}\" data-image-title=\"Capture d\u2019\u00e9cran, le 2022-11-15 \u00e0 09.33.48\" data-image-description=\"\" data-medium-file=\"https:\/\/i0.wp.com\/itayachtscanada.com\/wp-content\/uploads\/2022\/11\/Capture-decran-le-2022-11-15-a-09.33.48.png?fit=300%2C178&#038;ssl=1\" data-large-file=\"https:\/\/i0.wp.com\/itayachtscanada.com\/wp-content\/uploads\/2022\/11\/Capture-decran-le-2022-11-15-a-09.33.48.png?fit=700%2C416&#038;ssl=1\" src=\"https:\/\/i0.wp.com\/itayachtscanada.com\/wp-content\/uploads\/2022\/11\/Capture-decran-le-2022-11-15-a-09.33.48.png?w=241&#038;h=143&#038;ssl=1\" srcset=\"https:\/\/i0.wp.com\/itayachtscanada.com\/wp-content\/uploads\/2022\/11\/Capture-decran-le-2022-11-15-a-09.33.48.png?w=1166&amp;ssl=1 1166w, https:\/\/i0.wp.com\/itayachtscanada.com\/wp-content\/uploads\/2022\/11\/Capture-decran-le-2022-11-15-a-09.33.48.png?resize=300%2C178&amp;ssl=1 300w, https:\/\/i0.wp.com\/itayachtscanada.com\/wp-content\/uploads\/2022\/11\/Capture-decran-le-2022-11-15-a-09.33.48.png?resize=1024%2C608&amp;ssl=1 1024w, https:\/\/i0.wp.com\/itayachtscanada.com\/wp-content\/uploads\/2022\/11\/Capture-decran-le-2022-11-15-a-09.33.48.png?resize=768%2C456&amp;ssl=1 768w, https:\/\/i0.wp.com\/itayachtscanada.com\/wp-content\/uploads\/2022\/11\/Capture-decran-le-2022-11-15-a-09.33.48.png?resize=700%2C415&amp;ssl=1 700w, https:\/\/i0.wp.com\/itayachtscanada.com\/wp-content\/uploads\/2022\/11\/Capture-decran-le-2022-11-15-a-09.33.48.png?resize=674%2C400&amp;ssl=1 674w\" width=\"241\" height=\"143\" loading=\"lazy\" data-original-width=\"241\" data-original-height=\"143\" itemprop=\"http:\/\/schema.org\/image\" title=\"Capture d\u2019\u00e9cran, le 2022-11-15 \u00e0 09.33.48\" alt=\"Capture d\u2019\u00e9cran, le 2022-11-15 \u00e0 09.33.48\" style=\"width: 241px; height: 143px;\" \/> <\/a> <\/div> <\/div> <!-- close group --> <\/div> <!-- close row --> <div class=\"gallery-row\" style=\"width: 700px; height: 322px;\" data-original-width=\"700\" data-original-height=\"322\" > <div class=\"gallery-group images-1\" style=\"width: 700px; height: 322px;\" data-original-width=\"700\" data-original-height=\"322\" > <div class=\"tiled-gallery-item tiled-gallery-item-large\" itemprop=\"associatedMedia\" itemscope itemtype=\"http:\/\/schema.org\/ImageObject\"> <a href=\"https:\/\/itayachtscanada.com\/fr\/listing\/arcadia-yacht-a85-2019-e4500000-euros-for-sale\/capture-decran-le-2022-11-15-a-09-33-40\/\" border=\"0\" itemprop=\"url\"> <meta itemprop=\"width\" content=\"696\"> <meta itemprop=\"height\" content=\"318\"> <img decoding=\"async\" class=\"\" data-attachment-id=\"85657\" data-orig-file=\"https:\/\/itayachtscanada.com\/wp-content\/uploads\/2022\/11\/Capture-decran-le-2022-11-15-a-09.33.40.png\" data-orig-size=\"1246,570\" data-comments-opened=\"1\" data-image-meta=\"{&quot;aperture&quot;:&quot;0&quot;,&quot;credit&quot;:&quot;&quot;,&quot;camera&quot;:&quot;&quot;,&quot;caption&quot;:&quot;&quot;,&quot;created_timestamp&quot;:&quot;0&quot;,&quot;copyright&quot;:&quot;&quot;,&quot;focal_length&quot;:&quot;0&quot;,&quot;iso&quot;:&quot;0&quot;,&quot;shutter_speed&quot;:&quot;0&quot;,&quot;title&quot;:&quot;&quot;,&quot;orientation&quot;:&quot;0&quot;}\" data-image-title=\"Capture d\u2019\u00e9cran, le 2022-11-15 \u00e0 09.33.40\" data-image-description=\"\" data-medium-file=\"https:\/\/i0.wp.com\/itayachtscanada.com\/wp-content\/uploads\/2022\/11\/Capture-decran-le-2022-11-15-a-09.33.40.png?fit=300%2C137&#038;ssl=1\" data-large-file=\"https:\/\/i0.wp.com\/itayachtscanada.com\/wp-content\/uploads\/2022\/11\/Capture-decran-le-2022-11-15-a-09.33.40.png?fit=700%2C320&#038;ssl=1\" src=\"https:\/\/i0.wp.com\/itayachtscanada.com\/wp-content\/uploads\/2022\/11\/Capture-decran-le-2022-11-15-a-09.33.40.png?w=696&#038;h=318&#038;ssl=1\" srcset=\"https:\/\/i0.wp.com\/itayachtscanada.com\/wp-content\/uploads\/2022\/11\/Capture-decran-le-2022-11-15-a-09.33.40.png?w=1246&amp;ssl=1 1246w, https:\/\/i0.wp.com\/itayachtscanada.com\/wp-content\/uploads\/2022\/11\/Capture-decran-le-2022-11-15-a-09.33.40.png?resize=300%2C137&amp;ssl=1 300w, https:\/\/i0.wp.com\/itayachtscanada.com\/wp-content\/uploads\/2022\/11\/Capture-decran-le-2022-11-15-a-09.33.40.png?resize=1024%2C468&amp;ssl=1 1024w, https:\/\/i0.wp.com\/itayachtscanada.com\/wp-content\/uploads\/2022\/11\/Capture-decran-le-2022-11-15-a-09.33.40.png?resize=768%2C351&amp;ssl=1 768w, https:\/\/i0.wp.com\/itayachtscanada.com\/wp-content\/uploads\/2022\/11\/Capture-decran-le-2022-11-15-a-09.33.40.png?resize=1200%2C549&amp;ssl=1 1200w, https:\/\/i0.wp.com\/itayachtscanada.com\/wp-content\/uploads\/2022\/11\/Capture-decran-le-2022-11-15-a-09.33.40.png?resize=700%2C320&amp;ssl=1 700w, https:\/\/i0.wp.com\/itayachtscanada.com\/wp-content\/uploads\/2022\/11\/Capture-decran-le-2022-11-15-a-09.33.40.png?resize=874%2C400&amp;ssl=1 874w\" width=\"696\" height=\"318\" loading=\"lazy\" data-original-width=\"696\" data-original-height=\"318\" itemprop=\"http:\/\/schema.org\/image\" title=\"Capture d\u2019\u00e9cran, le 2022-11-15 \u00e0 09.33.40\" alt=\"Capture d\u2019\u00e9cran, le 2022-11-15 \u00e0 09.33.40\" style=\"width: 696px; height: 318px;\" \/> <\/a> <\/div> <\/div> <!-- close group --> <\/div> <!-- close row --> <div class=\"gallery-row\" style=\"width: 700px; height: 165px;\" data-original-width=\"700\" data-original-height=\"165\" > <div class=\"gallery-group images-1\" style=\"width: 234px; height: 165px;\" data-original-width=\"234\" data-original-height=\"165\" > <div class=\"tiled-gallery-item tiled-gallery-item-small\" itemprop=\"associatedMedia\" itemscope itemtype=\"http:\/\/schema.org\/ImageObject\"> <a href=\"https:\/\/itayachtscanada.com\/fr\/listing\/arcadia-yacht-a85-2019-e4500000-euros-for-sale\/capture-decran-le-2022-11-15-a-09-35-08\/\" border=\"0\" itemprop=\"url\"> <meta itemprop=\"width\" content=\"230\"> <meta itemprop=\"height\" content=\"161\"> <img decoding=\"async\" class=\"\" data-attachment-id=\"85640\" data-orig-file=\"https:\/\/itayachtscanada.com\/wp-content\/uploads\/2022\/11\/Capture-decran-le-2022-11-15-a-09.35.08.png\" data-orig-size=\"1164,816\" data-comments-opened=\"1\" data-image-meta=\"{&quot;aperture&quot;:&quot;0&quot;,&quot;credit&quot;:&quot;&quot;,&quot;camera&quot;:&quot;&quot;,&quot;caption&quot;:&quot;&quot;,&quot;created_timestamp&quot;:&quot;0&quot;,&quot;copyright&quot;:&quot;&quot;,&quot;focal_length&quot;:&quot;0&quot;,&quot;iso&quot;:&quot;0&quot;,&quot;shutter_speed&quot;:&quot;0&quot;,&quot;title&quot;:&quot;&quot;,&quot;orientation&quot;:&quot;0&quot;}\" data-image-title=\"Capture d\u2019\u00e9cran, le 2022-11-15 \u00e0 09.35.08\" data-image-description=\"\" data-medium-file=\"https:\/\/i0.wp.com\/itayachtscanada.com\/wp-content\/uploads\/2022\/11\/Capture-decran-le-2022-11-15-a-09.35.08.png?fit=300%2C210&#038;ssl=1\" data-large-file=\"https:\/\/i0.wp.com\/itayachtscanada.com\/wp-content\/uploads\/2022\/11\/Capture-decran-le-2022-11-15-a-09.35.08.png?fit=700%2C491&#038;ssl=1\" src=\"https:\/\/i0.wp.com\/itayachtscanada.com\/wp-content\/uploads\/2022\/11\/Capture-decran-le-2022-11-15-a-09.35.08.png?w=230&#038;h=161&#038;ssl=1\" srcset=\"https:\/\/i0.wp.com\/itayachtscanada.com\/wp-content\/uploads\/2022\/11\/Capture-decran-le-2022-11-15-a-09.35.08.png?w=1164&amp;ssl=1 1164w, https:\/\/i0.wp.com\/itayachtscanada.com\/wp-content\/uploads\/2022\/11\/Capture-decran-le-2022-11-15-a-09.35.08.png?resize=300%2C210&amp;ssl=1 300w, https:\/\/i0.wp.com\/itayachtscanada.com\/wp-content\/uploads\/2022\/11\/Capture-decran-le-2022-11-15-a-09.35.08.png?resize=1024%2C718&amp;ssl=1 1024w, https:\/\/i0.wp.com\/itayachtscanada.com\/wp-content\/uploads\/2022\/11\/Capture-decran-le-2022-11-15-a-09.35.08.png?resize=768%2C538&amp;ssl=1 768w, https:\/\/i0.wp.com\/itayachtscanada.com\/wp-content\/uploads\/2022\/11\/Capture-decran-le-2022-11-15-a-09.35.08.png?resize=700%2C491&amp;ssl=1 700w, https:\/\/i0.wp.com\/itayachtscanada.com\/wp-content\/uploads\/2022\/11\/Capture-decran-le-2022-11-15-a-09.35.08.png?resize=571%2C400&amp;ssl=1 571w\" width=\"230\" height=\"161\" loading=\"lazy\" data-original-width=\"230\" data-original-height=\"161\" itemprop=\"http:\/\/schema.org\/image\" title=\"Capture d\u2019\u00e9cran, le 2022-11-15 \u00e0 09.35.08\" alt=\"Capture d\u2019\u00e9cran, le 2022-11-15 \u00e0 09.35.08\" style=\"width: 230px; height: 161px;\" \/> <\/a> <\/div> <\/div> <!-- close group --> <div class=\"gallery-group images-1\" style=\"width: 233px; height: 165px;\" data-original-width=\"233\" data-original-height=\"165\" > <div class=\"tiled-gallery-item tiled-gallery-item-small\" itemprop=\"associatedMedia\" itemscope itemtype=\"http:\/\/schema.org\/ImageObject\"> <a href=\"https:\/\/itayachtscanada.com\/fr\/listing\/arcadia-yacht-a85-2019-e4500000-euros-for-sale\/capture-decran-le-2022-11-15-a-09-35-05\/\" border=\"0\" itemprop=\"url\"> <meta itemprop=\"width\" content=\"229\"> <meta itemprop=\"height\" content=\"161\"> <img decoding=\"async\" class=\"\" data-attachment-id=\"85641\" data-orig-file=\"https:\/\/itayachtscanada.com\/wp-content\/uploads\/2022\/11\/Capture-decran-le-2022-11-15-a-09.35.05.png\" data-orig-size=\"1164,816\" data-comments-opened=\"1\" data-image-meta=\"{&quot;aperture&quot;:&quot;0&quot;,&quot;credit&quot;:&quot;&quot;,&quot;camera&quot;:&quot;&quot;,&quot;caption&quot;:&quot;&quot;,&quot;created_timestamp&quot;:&quot;0&quot;,&quot;copyright&quot;:&quot;&quot;,&quot;focal_length&quot;:&quot;0&quot;,&quot;iso&quot;:&quot;0&quot;,&quot;shutter_speed&quot;:&quot;0&quot;,&quot;title&quot;:&quot;&quot;,&quot;orientation&quot;:&quot;0&quot;}\" data-image-title=\"Capture d\u2019\u00e9cran, le 2022-11-15 \u00e0 09.35.05\" data-image-description=\"\" data-medium-file=\"https:\/\/i0.wp.com\/itayachtscanada.com\/wp-content\/uploads\/2022\/11\/Capture-decran-le-2022-11-15-a-09.35.05.png?fit=300%2C210&#038;ssl=1\" data-large-file=\"https:\/\/i0.wp.com\/itayachtscanada.com\/wp-content\/uploads\/2022\/11\/Capture-decran-le-2022-11-15-a-09.35.05.png?fit=700%2C491&#038;ssl=1\" src=\"https:\/\/i0.wp.com\/itayachtscanada.com\/wp-content\/uploads\/2022\/11\/Capture-decran-le-2022-11-15-a-09.35.05.png?w=229&#038;h=161&#038;ssl=1\" srcset=\"https:\/\/i0.wp.com\/itayachtscanada.com\/wp-content\/uploads\/2022\/11\/Capture-decran-le-2022-11-15-a-09.35.05.png?w=1164&amp;ssl=1 1164w, https:\/\/i0.wp.com\/itayachtscanada.com\/wp-content\/uploads\/2022\/11\/Capture-decran-le-2022-11-15-a-09.35.05.png?resize=300%2C210&amp;ssl=1 300w, https:\/\/i0.wp.com\/itayachtscanada.com\/wp-content\/uploads\/2022\/11\/Capture-decran-le-2022-11-15-a-09.35.05.png?resize=1024%2C718&amp;ssl=1 1024w, https:\/\/i0.wp.com\/itayachtscanada.com\/wp-content\/uploads\/2022\/11\/Capture-decran-le-2022-11-15-a-09.35.05.png?resize=768%2C538&amp;ssl=1 768w, https:\/\/i0.wp.com\/itayachtscanada.com\/wp-content\/uploads\/2022\/11\/Capture-decran-le-2022-11-15-a-09.35.05.png?resize=700%2C491&amp;ssl=1 700w, https:\/\/i0.wp.com\/itayachtscanada.com\/wp-content\/uploads\/2022\/11\/Capture-decran-le-2022-11-15-a-09.35.05.png?resize=571%2C400&amp;ssl=1 571w\" width=\"229\" height=\"161\" loading=\"lazy\" data-original-width=\"229\" data-original-height=\"161\" itemprop=\"http:\/\/schema.org\/image\" title=\"Capture d\u2019\u00e9cran, le 2022-11-15 \u00e0 09.35.05\" alt=\"Capture d\u2019\u00e9cran, le 2022-11-15 \u00e0 09.35.05\" style=\"width: 229px; height: 161px;\" \/> <\/a> <\/div> <\/div> <!-- close group --> <div class=\"gallery-group images-1\" style=\"width: 233px; height: 165px;\" data-original-width=\"233\" data-original-height=\"165\" > <div class=\"tiled-gallery-item tiled-gallery-item-small\" itemprop=\"associatedMedia\" itemscope itemtype=\"http:\/\/schema.org\/ImageObject\"> <a href=\"https:\/\/itayachtscanada.com\/fr\/listing\/arcadia-yacht-a85-2019-e4500000-euros-for-sale\/capture-decran-le-2022-11-15-a-09-35-01\/\" border=\"0\" itemprop=\"url\"> <meta itemprop=\"width\" content=\"229\"> <meta itemprop=\"height\" content=\"161\"> <img decoding=\"async\" class=\"\" data-attachment-id=\"85642\" data-orig-file=\"https:\/\/itayachtscanada.com\/wp-content\/uploads\/2022\/11\/Capture-decran-le-2022-11-15-a-09.35.01.png\" data-orig-size=\"1164,816\" data-comments-opened=\"1\" data-image-meta=\"{&quot;aperture&quot;:&quot;0&quot;,&quot;credit&quot;:&quot;&quot;,&quot;camera&quot;:&quot;&quot;,&quot;caption&quot;:&quot;&quot;,&quot;created_timestamp&quot;:&quot;0&quot;,&quot;copyright&quot;:&quot;&quot;,&quot;focal_length&quot;:&quot;0&quot;,&quot;iso&quot;:&quot;0&quot;,&quot;shutter_speed&quot;:&quot;0&quot;,&quot;title&quot;:&quot;&quot;,&quot;orientation&quot;:&quot;0&quot;}\" data-image-title=\"Capture d\u2019\u00e9cran, le 2022-11-15 \u00e0 09.35.01\" data-image-description=\"\" data-medium-file=\"https:\/\/i0.wp.com\/itayachtscanada.com\/wp-content\/uploads\/2022\/11\/Capture-decran-le-2022-11-15-a-09.35.01.png?fit=300%2C210&#038;ssl=1\" data-large-file=\"https:\/\/i0.wp.com\/itayachtscanada.com\/wp-content\/uploads\/2022\/11\/Capture-decran-le-2022-11-15-a-09.35.01.png?fit=700%2C491&#038;ssl=1\" src=\"https:\/\/i0.wp.com\/itayachtscanada.com\/wp-content\/uploads\/2022\/11\/Capture-decran-le-2022-11-15-a-09.35.01.png?w=229&#038;h=161&#038;ssl=1\" srcset=\"https:\/\/i0.wp.com\/itayachtscanada.com\/wp-content\/uploads\/2022\/11\/Capture-decran-le-2022-11-15-a-09.35.01.png?w=1164&amp;ssl=1 1164w, https:\/\/i0.wp.com\/itayachtscanada.com\/wp-content\/uploads\/2022\/11\/Capture-decran-le-2022-11-15-a-09.35.01.png?resize=300%2C210&amp;ssl=1 300w, https:\/\/i0.wp.com\/itayachtscanada.com\/wp-content\/uploads\/2022\/11\/Capture-decran-le-2022-11-15-a-09.35.01.png?resize=1024%2C718&amp;ssl=1 1024w, https:\/\/i0.wp.com\/itayachtscanada.com\/wp-content\/uploads\/2022\/11\/Capture-decran-le-2022-11-15-a-09.35.01.png?resize=768%2C538&amp;ssl=1 768w, https:\/\/i0.wp.com\/itayachtscanada.com\/wp-content\/uploads\/2022\/11\/Capture-decran-le-2022-11-15-a-09.35.01.png?resize=700%2C491&amp;ssl=1 700w, https:\/\/i0.wp.com\/itayachtscanada.com\/wp-content\/uploads\/2022\/11\/Capture-decran-le-2022-11-15-a-09.35.01.png?resize=571%2C400&amp;ssl=1 571w\" width=\"229\" height=\"161\" loading=\"lazy\" data-original-width=\"229\" data-original-height=\"161\" itemprop=\"http:\/\/schema.org\/image\" title=\"Capture d\u2019\u00e9cran, le 2022-11-15 \u00e0 09.35.01\" alt=\"Capture d\u2019\u00e9cran, le 2022-11-15 \u00e0 09.35.01\" style=\"width: 229px; height: 161px;\" \/> <\/a> <\/div> <\/div> <!-- close group --> <\/div> <!-- close row --> <div class=\"gallery-row\" style=\"width: 700px; height: 318px;\" data-original-width=\"700\" data-original-height=\"318\" > <div class=\"gallery-group images-2\" style=\"width: 248px; height: 318px;\" data-original-width=\"248\" data-original-height=\"318\" > <div class=\"tiled-gallery-item tiled-gallery-item-small\" itemprop=\"associatedMedia\" itemscope itemtype=\"http:\/\/schema.org\/ImageObject\"> <a href=\"https:\/\/itayachtscanada.com\/fr\/listing\/arcadia-yacht-a85-2019-e4500000-euros-for-sale\/capture-decran-le-2022-11-15-a-09-34-09\/\" border=\"0\" itemprop=\"url\"> <meta itemprop=\"width\" content=\"244\"> <meta itemprop=\"height\" content=\"139\"> <img decoding=\"async\" class=\"\" data-attachment-id=\"85653\" data-orig-file=\"https:\/\/itayachtscanada.com\/wp-content\/uploads\/2022\/11\/Capture-decran-le-2022-11-15-a-09.34.09.png\" data-orig-size=\"1236,702\" data-comments-opened=\"1\" data-image-meta=\"{&quot;aperture&quot;:&quot;0&quot;,&quot;credit&quot;:&quot;&quot;,&quot;camera&quot;:&quot;&quot;,&quot;caption&quot;:&quot;&quot;,&quot;created_timestamp&quot;:&quot;0&quot;,&quot;copyright&quot;:&quot;&quot;,&quot;focal_length&quot;:&quot;0&quot;,&quot;iso&quot;:&quot;0&quot;,&quot;shutter_speed&quot;:&quot;0&quot;,&quot;title&quot;:&quot;&quot;,&quot;orientation&quot;:&quot;0&quot;}\" data-image-title=\"Capture d\u2019\u00e9cran, le 2022-11-15 \u00e0 09.34.09\" data-image-description=\"\" data-medium-file=\"https:\/\/i0.wp.com\/itayachtscanada.com\/wp-content\/uploads\/2022\/11\/Capture-decran-le-2022-11-15-a-09.34.09.png?fit=300%2C170&#038;ssl=1\" data-large-file=\"https:\/\/i0.wp.com\/itayachtscanada.com\/wp-content\/uploads\/2022\/11\/Capture-decran-le-2022-11-15-a-09.34.09.png?fit=700%2C398&#038;ssl=1\" src=\"https:\/\/i0.wp.com\/itayachtscanada.com\/wp-content\/uploads\/2022\/11\/Capture-decran-le-2022-11-15-a-09.34.09.png?w=244&#038;h=139&#038;ssl=1\" srcset=\"https:\/\/i0.wp.com\/itayachtscanada.com\/wp-content\/uploads\/2022\/11\/Capture-decran-le-2022-11-15-a-09.34.09.png?w=1236&amp;ssl=1 1236w, https:\/\/i0.wp.com\/itayachtscanada.com\/wp-content\/uploads\/2022\/11\/Capture-decran-le-2022-11-15-a-09.34.09.png?resize=300%2C170&amp;ssl=1 300w, https:\/\/i0.wp.com\/itayachtscanada.com\/wp-content\/uploads\/2022\/11\/Capture-decran-le-2022-11-15-a-09.34.09.png?resize=1024%2C582&amp;ssl=1 1024w, https:\/\/i0.wp.com\/itayachtscanada.com\/wp-content\/uploads\/2022\/11\/Capture-decran-le-2022-11-15-a-09.34.09.png?resize=768%2C436&amp;ssl=1 768w, https:\/\/i0.wp.com\/itayachtscanada.com\/wp-content\/uploads\/2022\/11\/Capture-decran-le-2022-11-15-a-09.34.09.png?resize=1200%2C682&amp;ssl=1 1200w, https:\/\/i0.wp.com\/itayachtscanada.com\/wp-content\/uploads\/2022\/11\/Capture-decran-le-2022-11-15-a-09.34.09.png?resize=700%2C398&amp;ssl=1 700w, https:\/\/i0.wp.com\/itayachtscanada.com\/wp-content\/uploads\/2022\/11\/Capture-decran-le-2022-11-15-a-09.34.09.png?resize=704%2C400&amp;ssl=1 704w\" width=\"244\" height=\"139\" loading=\"lazy\" data-original-width=\"244\" data-original-height=\"139\" itemprop=\"http:\/\/schema.org\/image\" title=\"Capture d\u2019\u00e9cran, le 2022-11-15 \u00e0 09.34.09\" alt=\"Capture d\u2019\u00e9cran, le 2022-11-15 \u00e0 09.34.09\" style=\"width: 244px; height: 139px;\" \/> <\/a> <\/div> <div class=\"tiled-gallery-item tiled-gallery-item-small\" itemprop=\"associatedMedia\" itemscope itemtype=\"http:\/\/schema.org\/ImageObject\"> <a href=\"https:\/\/itayachtscanada.com\/fr\/listing\/arcadia-yacht-a85-2019-e4500000-euros-for-sale\/capture-decran-le-2022-11-15-a-09-32-47\/\" border=\"0\" itemprop=\"url\"> <meta itemprop=\"width\" content=\"244\"> <meta itemprop=\"height\" content=\"171\"> <img decoding=\"async\" class=\"\" data-attachment-id=\"85671\" data-orig-file=\"https:\/\/itayachtscanada.com\/wp-content\/uploads\/2022\/11\/Capture-decran-le-2022-11-15-a-09.32.47.png\" data-orig-size=\"1180,826\" data-comments-opened=\"1\" data-image-meta=\"{&quot;aperture&quot;:&quot;0&quot;,&quot;credit&quot;:&quot;&quot;,&quot;camera&quot;:&quot;&quot;,&quot;caption&quot;:&quot;&quot;,&quot;created_timestamp&quot;:&quot;0&quot;,&quot;copyright&quot;:&quot;&quot;,&quot;focal_length&quot;:&quot;0&quot;,&quot;iso&quot;:&quot;0&quot;,&quot;shutter_speed&quot;:&quot;0&quot;,&quot;title&quot;:&quot;&quot;,&quot;orientation&quot;:&quot;0&quot;}\" data-image-title=\"Capture d\u2019\u00e9cran, le 2022-11-15 \u00e0 09.32.47\" data-image-description=\"\" data-medium-file=\"https:\/\/i0.wp.com\/itayachtscanada.com\/wp-content\/uploads\/2022\/11\/Capture-decran-le-2022-11-15-a-09.32.47.png?fit=300%2C210&#038;ssl=1\" data-large-file=\"https:\/\/i0.wp.com\/itayachtscanada.com\/wp-content\/uploads\/2022\/11\/Capture-decran-le-2022-11-15-a-09.32.47.png?fit=700%2C490&#038;ssl=1\" src=\"https:\/\/i0.wp.com\/itayachtscanada.com\/wp-content\/uploads\/2022\/11\/Capture-decran-le-2022-11-15-a-09.32.47.png?w=244&#038;h=171&#038;ssl=1\" srcset=\"https:\/\/i0.wp.com\/itayachtscanada.com\/wp-content\/uploads\/2022\/11\/Capture-decran-le-2022-11-15-a-09.32.47.png?w=1180&amp;ssl=1 1180w, https:\/\/i0.wp.com\/itayachtscanada.com\/wp-content\/uploads\/2022\/11\/Capture-decran-le-2022-11-15-a-09.32.47.png?resize=300%2C210&amp;ssl=1 300w, https:\/\/i0.wp.com\/itayachtscanada.com\/wp-content\/uploads\/2022\/11\/Capture-decran-le-2022-11-15-a-09.32.47.png?resize=1024%2C717&amp;ssl=1 1024w, https:\/\/i0.wp.com\/itayachtscanada.com\/wp-content\/uploads\/2022\/11\/Capture-decran-le-2022-11-15-a-09.32.47.png?resize=768%2C538&amp;ssl=1 768w, https:\/\/i0.wp.com\/itayachtscanada.com\/wp-content\/uploads\/2022\/11\/Capture-decran-le-2022-11-15-a-09.32.47.png?resize=700%2C490&amp;ssl=1 700w, https:\/\/i0.wp.com\/itayachtscanada.com\/wp-content\/uploads\/2022\/11\/Capture-decran-le-2022-11-15-a-09.32.47.png?resize=571%2C400&amp;ssl=1 571w\" width=\"244\" height=\"171\" loading=\"lazy\" data-original-width=\"244\" data-original-height=\"171\" itemprop=\"http:\/\/schema.org\/image\" title=\"Capture d\u2019\u00e9cran, le 2022-11-15 \u00e0 09.32.47\" alt=\"Capture d\u2019\u00e9cran, le 2022-11-15 \u00e0 09.32.47\" style=\"width: 244px; height: 171px;\" \/> <\/a> <\/div> <\/div> <!-- close group --> <div class=\"gallery-group images-1\" style=\"width: 452px; height: 318px;\" data-original-width=\"452\" data-original-height=\"318\" > <div class=\"tiled-gallery-item tiled-gallery-item-large\" itemprop=\"associatedMedia\" itemscope itemtype=\"http:\/\/schema.org\/ImageObject\"> <a href=\"https:\/\/itayachtscanada.com\/fr\/listing\/arcadia-yacht-a85-2019-e4500000-euros-for-sale\/capture-decran-le-2022-11-15-a-09-32-43\/\" border=\"0\" itemprop=\"url\"> <meta itemprop=\"width\" content=\"448\"> <meta itemprop=\"height\" content=\"314\"> <img decoding=\"async\" class=\"\" data-attachment-id=\"85672\" data-orig-file=\"https:\/\/itayachtscanada.com\/wp-content\/uploads\/2022\/11\/Capture-decran-le-2022-11-15-a-09.32.43.png\" data-orig-size=\"1180,826\" data-comments-opened=\"1\" data-image-meta=\"{&quot;aperture&quot;:&quot;0&quot;,&quot;credit&quot;:&quot;&quot;,&quot;camera&quot;:&quot;&quot;,&quot;caption&quot;:&quot;&quot;,&quot;created_timestamp&quot;:&quot;0&quot;,&quot;copyright&quot;:&quot;&quot;,&quot;focal_length&quot;:&quot;0&quot;,&quot;iso&quot;:&quot;0&quot;,&quot;shutter_speed&quot;:&quot;0&quot;,&quot;title&quot;:&quot;&quot;,&quot;orientation&quot;:&quot;0&quot;}\" data-image-title=\"Capture d\u2019\u00e9cran, le 2022-11-15 \u00e0 09.32.43\" data-image-description=\"\" data-medium-file=\"https:\/\/i0.wp.com\/itayachtscanada.com\/wp-content\/uploads\/2022\/11\/Capture-decran-le-2022-11-15-a-09.32.43.png?fit=300%2C210&#038;ssl=1\" data-large-file=\"https:\/\/i0.wp.com\/itayachtscanada.com\/wp-content\/uploads\/2022\/11\/Capture-decran-le-2022-11-15-a-09.32.43.png?fit=700%2C490&#038;ssl=1\" src=\"https:\/\/i0.wp.com\/itayachtscanada.com\/wp-content\/uploads\/2022\/11\/Capture-decran-le-2022-11-15-a-09.32.43.png?w=448&#038;h=314&#038;ssl=1\" srcset=\"https:\/\/i0.wp.com\/itayachtscanada.com\/wp-content\/uploads\/2022\/11\/Capture-decran-le-2022-11-15-a-09.32.43.png?w=1180&amp;ssl=1 1180w, https:\/\/i0.wp.com\/itayachtscanada.com\/wp-content\/uploads\/2022\/11\/Capture-decran-le-2022-11-15-a-09.32.43.png?resize=300%2C210&amp;ssl=1 300w, https:\/\/i0.wp.com\/itayachtscanada.com\/wp-content\/uploads\/2022\/11\/Capture-decran-le-2022-11-15-a-09.32.43.png?resize=1024%2C717&amp;ssl=1 1024w, https:\/\/i0.wp.com\/itayachtscanada.com\/wp-content\/uploads\/2022\/11\/Capture-decran-le-2022-11-15-a-09.32.43.png?resize=768%2C538&amp;ssl=1 768w, https:\/\/i0.wp.com\/itayachtscanada.com\/wp-content\/uploads\/2022\/11\/Capture-decran-le-2022-11-15-a-09.32.43.png?resize=700%2C490&amp;ssl=1 700w, https:\/\/i0.wp.com\/itayachtscanada.com\/wp-content\/uploads\/2022\/11\/Capture-decran-le-2022-11-15-a-09.32.43.png?resize=571%2C400&amp;ssl=1 571w\" width=\"448\" height=\"314\" loading=\"lazy\" data-original-width=\"448\" data-original-height=\"314\" itemprop=\"http:\/\/schema.org\/image\" title=\"Capture d\u2019\u00e9cran, le 2022-11-15 \u00e0 09.32.43\" alt=\"Capture d\u2019\u00e9cran, le 2022-11-15 \u00e0 09.32.43\" style=\"width: 448px; height: 314px;\" \/> <\/a> <\/div> <\/div> <!-- close group --> <\/div> <!-- close row --> <div class=\"gallery-row\" style=\"width: 700px; height: 329px;\" data-original-width=\"700\" data-original-height=\"329\" > <div class=\"gallery-group images-1\" style=\"width: 468px; height: 329px;\" data-original-width=\"468\" data-original-height=\"329\" > <div class=\"tiled-gallery-item tiled-gallery-item-large\" itemprop=\"associatedMedia\" itemscope itemtype=\"http:\/\/schema.org\/ImageObject\"> <a href=\"https:\/\/itayachtscanada.com\/fr\/listing\/arcadia-yacht-a85-2019-e4500000-euros-for-sale\/capture-decran-le-2022-11-15-a-09-34-48\/\" border=\"0\" itemprop=\"url\"> <meta itemprop=\"width\" content=\"464\"> <meta itemprop=\"height\" content=\"325\"> <img decoding=\"async\" class=\"\" data-attachment-id=\"85646\" data-orig-file=\"https:\/\/itayachtscanada.com\/wp-content\/uploads\/2022\/11\/Capture-decran-le-2022-11-15-a-09.34.48.png\" data-orig-size=\"1164,816\" data-comments-opened=\"1\" data-image-meta=\"{&quot;aperture&quot;:&quot;0&quot;,&quot;credit&quot;:&quot;&quot;,&quot;camera&quot;:&quot;&quot;,&quot;caption&quot;:&quot;&quot;,&quot;created_timestamp&quot;:&quot;0&quot;,&quot;copyright&quot;:&quot;&quot;,&quot;focal_length&quot;:&quot;0&quot;,&quot;iso&quot;:&quot;0&quot;,&quot;shutter_speed&quot;:&quot;0&quot;,&quot;title&quot;:&quot;&quot;,&quot;orientation&quot;:&quot;0&quot;}\" data-image-title=\"Capture d\u2019\u00e9cran, le 2022-11-15 \u00e0 09.34.48\" data-image-description=\"\" data-medium-file=\"https:\/\/i0.wp.com\/itayachtscanada.com\/wp-content\/uploads\/2022\/11\/Capture-decran-le-2022-11-15-a-09.34.48.png?fit=300%2C210&#038;ssl=1\" data-large-file=\"https:\/\/i0.wp.com\/itayachtscanada.com\/wp-content\/uploads\/2022\/11\/Capture-decran-le-2022-11-15-a-09.34.48.png?fit=700%2C491&#038;ssl=1\" src=\"https:\/\/i0.wp.com\/itayachtscanada.com\/wp-content\/uploads\/2022\/11\/Capture-decran-le-2022-11-15-a-09.34.48.png?w=464&#038;h=325&#038;ssl=1\" srcset=\"https:\/\/i0.wp.com\/itayachtscanada.com\/wp-content\/uploads\/2022\/11\/Capture-decran-le-2022-11-15-a-09.34.48.png?w=1164&amp;ssl=1 1164w, https:\/\/i0.wp.com\/itayachtscanada.com\/wp-content\/uploads\/2022\/11\/Capture-decran-le-2022-11-15-a-09.34.48.png?resize=300%2C210&amp;ssl=1 300w, https:\/\/i0.wp.com\/itayachtscanada.com\/wp-content\/uploads\/2022\/11\/Capture-decran-le-2022-11-15-a-09.34.48.png?resize=1024%2C718&amp;ssl=1 1024w, https:\/\/i0.wp.com\/itayachtscanada.com\/wp-content\/uploads\/2022\/11\/Capture-decran-le-2022-11-15-a-09.34.48.png?resize=768%2C538&amp;ssl=1 768w, https:\/\/i0.wp.com\/itayachtscanada.com\/wp-content\/uploads\/2022\/11\/Capture-decran-le-2022-11-15-a-09.34.48.png?resize=700%2C491&amp;ssl=1 700w, https:\/\/i0.wp.com\/itayachtscanada.com\/wp-content\/uploads\/2022\/11\/Capture-decran-le-2022-11-15-a-09.34.48.png?resize=571%2C400&amp;ssl=1 571w\" width=\"464\" height=\"325\" loading=\"lazy\" data-original-width=\"464\" data-original-height=\"325\" itemprop=\"http:\/\/schema.org\/image\" title=\"Capture d\u2019\u00e9cran, le 2022-11-15 \u00e0 09.34.48\" alt=\"Capture d\u2019\u00e9cran, le 2022-11-15 \u00e0 09.34.48\" style=\"width: 464px; height: 325px;\" \/> <\/a> <\/div> <\/div> <!-- close group --> <div class=\"gallery-group images-2\" style=\"width: 232px; height: 329px;\" data-original-width=\"232\" data-original-height=\"329\" > <div class=\"tiled-gallery-item tiled-gallery-item-small\" itemprop=\"associatedMedia\" itemscope itemtype=\"http:\/\/schema.org\/ImageObject\"> <a href=\"https:\/\/itayachtscanada.com\/fr\/listing\/arcadia-yacht-a85-2019-e4500000-euros-for-sale\/capture-decran-le-2022-11-15-a-09-34-37\/\" border=\"0\" itemprop=\"url\"> <meta itemprop=\"width\" content=\"228\"> <meta itemprop=\"height\" content=\"161\"> <img decoding=\"async\" class=\"\" data-attachment-id=\"85648\" data-orig-file=\"https:\/\/itayachtscanada.com\/wp-content\/uploads\/2022\/11\/Capture-decran-le-2022-11-15-a-09.34.37.png\" data-orig-size=\"1158,816\" data-comments-opened=\"1\" data-image-meta=\"{&quot;aperture&quot;:&quot;0&quot;,&quot;credit&quot;:&quot;&quot;,&quot;camera&quot;:&quot;&quot;,&quot;caption&quot;:&quot;&quot;,&quot;created_timestamp&quot;:&quot;0&quot;,&quot;copyright&quot;:&quot;&quot;,&quot;focal_length&quot;:&quot;0&quot;,&quot;iso&quot;:&quot;0&quot;,&quot;shutter_speed&quot;:&quot;0&quot;,&quot;title&quot;:&quot;&quot;,&quot;orientation&quot;:&quot;0&quot;}\" data-image-title=\"Capture d\u2019\u00e9cran, le 2022-11-15 \u00e0 09.34.37\" data-image-description=\"\" data-medium-file=\"https:\/\/i0.wp.com\/itayachtscanada.com\/wp-content\/uploads\/2022\/11\/Capture-decran-le-2022-11-15-a-09.34.37.png?fit=300%2C211&#038;ssl=1\" data-large-file=\"https:\/\/i0.wp.com\/itayachtscanada.com\/wp-content\/uploads\/2022\/11\/Capture-decran-le-2022-11-15-a-09.34.37.png?fit=700%2C494&#038;ssl=1\" src=\"https:\/\/i0.wp.com\/itayachtscanada.com\/wp-content\/uploads\/2022\/11\/Capture-decran-le-2022-11-15-a-09.34.37.png?w=228&#038;h=161&#038;ssl=1\" srcset=\"https:\/\/i0.wp.com\/itayachtscanada.com\/wp-content\/uploads\/2022\/11\/Capture-decran-le-2022-11-15-a-09.34.37.png?w=1158&amp;ssl=1 1158w, https:\/\/i0.wp.com\/itayachtscanada.com\/wp-content\/uploads\/2022\/11\/Capture-decran-le-2022-11-15-a-09.34.37.png?resize=300%2C211&amp;ssl=1 300w, https:\/\/i0.wp.com\/itayachtscanada.com\/wp-content\/uploads\/2022\/11\/Capture-decran-le-2022-11-15-a-09.34.37.png?resize=1024%2C722&amp;ssl=1 1024w, https:\/\/i0.wp.com\/itayachtscanada.com\/wp-content\/uploads\/2022\/11\/Capture-decran-le-2022-11-15-a-09.34.37.png?resize=768%2C541&amp;ssl=1 768w, https:\/\/i0.wp.com\/itayachtscanada.com\/wp-content\/uploads\/2022\/11\/Capture-decran-le-2022-11-15-a-09.34.37.png?resize=700%2C493&amp;ssl=1 700w, https:\/\/i0.wp.com\/itayachtscanada.com\/wp-content\/uploads\/2022\/11\/Capture-decran-le-2022-11-15-a-09.34.37.png?resize=568%2C400&amp;ssl=1 568w\" width=\"228\" height=\"161\" loading=\"lazy\" data-original-width=\"228\" data-original-height=\"161\" itemprop=\"http:\/\/schema.org\/image\" title=\"Capture d\u2019\u00e9cran, le 2022-11-15 \u00e0 09.34.37\" alt=\"Capture d\u2019\u00e9cran, le 2022-11-15 \u00e0 09.34.37\" style=\"width: 228px; height: 161px;\" \/> <\/a> <\/div> <div class=\"tiled-gallery-item tiled-gallery-item-small\" itemprop=\"associatedMedia\" itemscope itemtype=\"http:\/\/schema.org\/ImageObject\"> <a href=\"https:\/\/itayachtscanada.com\/fr\/listing\/arcadia-yacht-a85-2019-e4500000-euros-for-sale\/capture-decran-le-2022-11-15-a-09-34-44\/\" border=\"0\" itemprop=\"url\"> <meta itemprop=\"width\" content=\"228\"> <meta itemprop=\"height\" content=\"160\"> <img decoding=\"async\" class=\"\" data-attachment-id=\"85647\" data-orig-file=\"https:\/\/itayachtscanada.com\/wp-content\/uploads\/2022\/11\/Capture-decran-le-2022-11-15-a-09.34.44.png\" data-orig-size=\"1164,816\" data-comments-opened=\"1\" data-image-meta=\"{&quot;aperture&quot;:&quot;0&quot;,&quot;credit&quot;:&quot;&quot;,&quot;camera&quot;:&quot;&quot;,&quot;caption&quot;:&quot;&quot;,&quot;created_timestamp&quot;:&quot;0&quot;,&quot;copyright&quot;:&quot;&quot;,&quot;focal_length&quot;:&quot;0&quot;,&quot;iso&quot;:&quot;0&quot;,&quot;shutter_speed&quot;:&quot;0&quot;,&quot;title&quot;:&quot;&quot;,&quot;orientation&quot;:&quot;0&quot;}\" data-image-title=\"Capture d\u2019\u00e9cran, le 2022-11-15 \u00e0 09.34.44\" data-image-description=\"\" data-medium-file=\"https:\/\/i0.wp.com\/itayachtscanada.com\/wp-content\/uploads\/2022\/11\/Capture-decran-le-2022-11-15-a-09.34.44.png?fit=300%2C210&#038;ssl=1\" data-large-file=\"https:\/\/i0.wp.com\/itayachtscanada.com\/wp-content\/uploads\/2022\/11\/Capture-decran-le-2022-11-15-a-09.34.44.png?fit=700%2C491&#038;ssl=1\" src=\"https:\/\/i0.wp.com\/itayachtscanada.com\/wp-content\/uploads\/2022\/11\/Capture-decran-le-2022-11-15-a-09.34.44.png?w=228&#038;h=160&#038;ssl=1\" srcset=\"https:\/\/i0.wp.com\/itayachtscanada.com\/wp-content\/uploads\/2022\/11\/Capture-decran-le-2022-11-15-a-09.34.44.png?w=1164&amp;ssl=1 1164w, https:\/\/i0.wp.com\/itayachtscanada.com\/wp-content\/uploads\/2022\/11\/Capture-decran-le-2022-11-15-a-09.34.44.png?resize=300%2C210&amp;ssl=1 300w, https:\/\/i0.wp.com\/itayachtscanada.com\/wp-content\/uploads\/2022\/11\/Capture-decran-le-2022-11-15-a-09.34.44.png?resize=1024%2C718&amp;ssl=1 1024w, https:\/\/i0.wp.com\/itayachtscanada.com\/wp-content\/uploads\/2022\/11\/Capture-decran-le-2022-11-15-a-09.34.44.png?resize=768%2C538&amp;ssl=1 768w, https:\/\/i0.wp.com\/itayachtscanada.com\/wp-content\/uploads\/2022\/11\/Capture-decran-le-2022-11-15-a-09.34.44.png?resize=700%2C491&amp;ssl=1 700w, https:\/\/i0.wp.com\/itayachtscanada.com\/wp-content\/uploads\/2022\/11\/Capture-decran-le-2022-11-15-a-09.34.44.png?resize=571%2C400&amp;ssl=1 571w\" width=\"228\" height=\"160\" loading=\"lazy\" data-original-width=\"228\" data-original-height=\"160\" itemprop=\"http:\/\/schema.org\/image\" title=\"Capture d\u2019\u00e9cran, le 2022-11-15 \u00e0 09.34.44\" alt=\"Capture d\u2019\u00e9cran, le 2022-11-15 \u00e0 09.34.44\" style=\"width: 228px; height: 160px;\" \/> <\/a> <\/div> <\/div> <!-- close group --> <\/div> <!-- close row --> <div class=\"gallery-row\" style=\"width: 700px; height: 201px;\" data-original-width=\"700\" data-original-height=\"201\" > <div class=\"gallery-group images-1\" style=\"width: 349px; height: 201px;\" data-original-width=\"349\" data-original-height=\"201\" > <div class=\"tiled-gallery-item tiled-gallery-item-large\" itemprop=\"associatedMedia\" itemscope itemtype=\"http:\/\/schema.org\/ImageObject\"> <a href=\"https:\/\/itayachtscanada.com\/fr\/listing\/arcadia-yacht-a85-2019-e4500000-euros-for-sale\/capture-decran-le-2022-11-15-a-09-34-20\/\" border=\"0\" itemprop=\"url\"> <meta itemprop=\"width\" content=\"345\"> <meta itemprop=\"height\" content=\"197\"> <img decoding=\"async\" class=\"\" data-attachment-id=\"85651\" data-orig-file=\"https:\/\/itayachtscanada.com\/wp-content\/uploads\/2022\/11\/Capture-decran-le-2022-11-15-a-09.34.20.png\" data-orig-size=\"1236,706\" data-comments-opened=\"1\" data-image-meta=\"{&quot;aperture&quot;:&quot;0&quot;,&quot;credit&quot;:&quot;&quot;,&quot;camera&quot;:&quot;&quot;,&quot;caption&quot;:&quot;&quot;,&quot;created_timestamp&quot;:&quot;0&quot;,&quot;copyright&quot;:&quot;&quot;,&quot;focal_length&quot;:&quot;0&quot;,&quot;iso&quot;:&quot;0&quot;,&quot;shutter_speed&quot;:&quot;0&quot;,&quot;title&quot;:&quot;&quot;,&quot;orientation&quot;:&quot;0&quot;}\" data-image-title=\"Capture d\u2019\u00e9cran, le 2022-11-15 \u00e0 09.34.20\" data-image-description=\"\" data-medium-file=\"https:\/\/i0.wp.com\/itayachtscanada.com\/wp-content\/uploads\/2022\/11\/Capture-decran-le-2022-11-15-a-09.34.20.png?fit=300%2C171&#038;ssl=1\" data-large-file=\"https:\/\/i0.wp.com\/itayachtscanada.com\/wp-content\/uploads\/2022\/11\/Capture-decran-le-2022-11-15-a-09.34.20.png?fit=700%2C400&#038;ssl=1\" src=\"https:\/\/i0.wp.com\/itayachtscanada.com\/wp-content\/uploads\/2022\/11\/Capture-decran-le-2022-11-15-a-09.34.20.png?w=345&#038;h=197&#038;ssl=1\" srcset=\"https:\/\/i0.wp.com\/itayachtscanada.com\/wp-content\/uploads\/2022\/11\/Capture-decran-le-2022-11-15-a-09.34.20.png?w=1236&amp;ssl=1 1236w, https:\/\/i0.wp.com\/itayachtscanada.com\/wp-content\/uploads\/2022\/11\/Capture-decran-le-2022-11-15-a-09.34.20.png?resize=300%2C171&amp;ssl=1 300w, https:\/\/i0.wp.com\/itayachtscanada.com\/wp-content\/uploads\/2022\/11\/Capture-decran-le-2022-11-15-a-09.34.20.png?resize=1024%2C585&amp;ssl=1 1024w, https:\/\/i0.wp.com\/itayachtscanada.com\/wp-content\/uploads\/2022\/11\/Capture-decran-le-2022-11-15-a-09.34.20.png?resize=768%2C439&amp;ssl=1 768w, https:\/\/i0.wp.com\/itayachtscanada.com\/wp-content\/uploads\/2022\/11\/Capture-decran-le-2022-11-15-a-09.34.20.png?resize=1200%2C685&amp;ssl=1 1200w, https:\/\/i0.wp.com\/itayachtscanada.com\/wp-content\/uploads\/2022\/11\/Capture-decran-le-2022-11-15-a-09.34.20.png?resize=700%2C400&amp;ssl=1 700w\" width=\"345\" height=\"197\" loading=\"lazy\" data-original-width=\"345\" data-original-height=\"197\" itemprop=\"http:\/\/schema.org\/image\" title=\"Capture d\u2019\u00e9cran, le 2022-11-15 \u00e0 09.34.20\" alt=\"Capture d\u2019\u00e9cran, le 2022-11-15 \u00e0 09.34.20\" style=\"width: 345px; height: 197px;\" \/> <\/a> <\/div> <\/div> <!-- close group --> <div class=\"gallery-group images-1\" style=\"width: 351px; height: 201px;\" data-original-width=\"351\" data-original-height=\"201\" > <div class=\"tiled-gallery-item tiled-gallery-item-large\" itemprop=\"associatedMedia\" itemscope itemtype=\"http:\/\/schema.org\/ImageObject\"> <a href=\"https:\/\/itayachtscanada.com\/fr\/listing\/arcadia-yacht-a85-2019-e4500000-euros-for-sale\/capture-decran-le-2022-11-15-a-09-34-14\/\" border=\"0\" itemprop=\"url\"> <meta itemprop=\"width\" content=\"347\"> <meta itemprop=\"height\" content=\"197\"> <img decoding=\"async\" class=\"\" data-attachment-id=\"85652\" data-orig-file=\"https:\/\/itayachtscanada.com\/wp-content\/uploads\/2022\/11\/Capture-decran-le-2022-11-15-a-09.34.14.png\" data-orig-size=\"1236,702\" data-comments-opened=\"1\" data-image-meta=\"{&quot;aperture&quot;:&quot;0&quot;,&quot;credit&quot;:&quot;&quot;,&quot;camera&quot;:&quot;&quot;,&quot;caption&quot;:&quot;&quot;,&quot;created_timestamp&quot;:&quot;0&quot;,&quot;copyright&quot;:&quot;&quot;,&quot;focal_length&quot;:&quot;0&quot;,&quot;iso&quot;:&quot;0&quot;,&quot;shutter_speed&quot;:&quot;0&quot;,&quot;title&quot;:&quot;&quot;,&quot;orientation&quot;:&quot;0&quot;}\" data-image-title=\"Capture d\u2019\u00e9cran, le 2022-11-15 \u00e0 09.34.14\" data-image-description=\"\" data-medium-file=\"https:\/\/i0.wp.com\/itayachtscanada.com\/wp-content\/uploads\/2022\/11\/Capture-decran-le-2022-11-15-a-09.34.14.png?fit=300%2C170&#038;ssl=1\" data-large-file=\"https:\/\/i0.wp.com\/itayachtscanada.com\/wp-content\/uploads\/2022\/11\/Capture-decran-le-2022-11-15-a-09.34.14.png?fit=700%2C398&#038;ssl=1\" src=\"https:\/\/i0.wp.com\/itayachtscanada.com\/wp-content\/uploads\/2022\/11\/Capture-decran-le-2022-11-15-a-09.34.14.png?w=347&#038;h=197&#038;ssl=1\" srcset=\"https:\/\/i0.wp.com\/itayachtscanada.com\/wp-content\/uploads\/2022\/11\/Capture-decran-le-2022-11-15-a-09.34.14.png?w=1236&amp;ssl=1 1236w, https:\/\/i0.wp.com\/itayachtscanada.com\/wp-content\/uploads\/2022\/11\/Capture-decran-le-2022-11-15-a-09.34.14.png?resize=300%2C170&amp;ssl=1 300w, https:\/\/i0.wp.com\/itayachtscanada.com\/wp-content\/uploads\/2022\/11\/Capture-decran-le-2022-11-15-a-09.34.14.png?resize=1024%2C582&amp;ssl=1 1024w, https:\/\/i0.wp.com\/itayachtscanada.com\/wp-content\/uploads\/2022\/11\/Capture-decran-le-2022-11-15-a-09.34.14.png?resize=768%2C436&amp;ssl=1 768w, https:\/\/i0.wp.com\/itayachtscanada.com\/wp-content\/uploads\/2022\/11\/Capture-decran-le-2022-11-15-a-09.34.14.png?resize=1200%2C682&amp;ssl=1 1200w, https:\/\/i0.wp.com\/itayachtscanada.com\/wp-content\/uploads\/2022\/11\/Capture-decran-le-2022-11-15-a-09.34.14.png?resize=700%2C398&amp;ssl=1 700w, https:\/\/i0.wp.com\/itayachtscanada.com\/wp-content\/uploads\/2022\/11\/Capture-decran-le-2022-11-15-a-09.34.14.png?resize=704%2C400&amp;ssl=1 704w\" width=\"347\" height=\"197\" loading=\"lazy\" data-original-width=\"347\" data-original-height=\"197\" itemprop=\"http:\/\/schema.org\/image\" title=\"Capture d\u2019\u00e9cran, le 2022-11-15 \u00e0 09.34.14\" alt=\"Capture d\u2019\u00e9cran, le 2022-11-15 \u00e0 09.34.14\" style=\"width: 347px; height: 197px;\" \/> <\/a> <\/div> <\/div> <!-- close group --> <\/div> <!-- close row --> <div class=\"gallery-row\" style=\"width: 700px; height: 249px;\" data-original-width=\"700\" data-original-height=\"249\" > <div class=\"gallery-group images-1\" style=\"width: 348px; height: 249px;\" data-original-width=\"348\" data-original-height=\"249\" > <div class=\"tiled-gallery-item tiled-gallery-item-large\" itemprop=\"associatedMedia\" itemscope itemtype=\"http:\/\/schema.org\/ImageObject\"> <a href=\"https:\/\/itayachtscanada.com\/fr\/listing\/arcadia-yacht-a85-2019-e4500000-euros-for-sale\/capture-decran-le-2022-11-15-a-09-34-02\/\" border=\"0\" itemprop=\"url\"> <meta itemprop=\"width\" content=\"344\"> <meta itemprop=\"height\" content=\"245\"> <img decoding=\"async\" class=\"\" data-attachment-id=\"85654\" data-orig-file=\"https:\/\/itayachtscanada.com\/wp-content\/uploads\/2022\/11\/Capture-decran-le-2022-11-15-a-09.34.02.png\" data-orig-size=\"1154,824\" data-comments-opened=\"1\" data-image-meta=\"{&quot;aperture&quot;:&quot;0&quot;,&quot;credit&quot;:&quot;&quot;,&quot;camera&quot;:&quot;&quot;,&quot;caption&quot;:&quot;&quot;,&quot;created_timestamp&quot;:&quot;0&quot;,&quot;copyright&quot;:&quot;&quot;,&quot;focal_length&quot;:&quot;0&quot;,&quot;iso&quot;:&quot;0&quot;,&quot;shutter_speed&quot;:&quot;0&quot;,&quot;title&quot;:&quot;&quot;,&quot;orientation&quot;:&quot;0&quot;}\" data-image-title=\"Capture d\u2019\u00e9cran, le 2022-11-15 \u00e0 09.34.02\" data-image-description=\"\" data-medium-file=\"https:\/\/i0.wp.com\/itayachtscanada.com\/wp-content\/uploads\/2022\/11\/Capture-decran-le-2022-11-15-a-09.34.02.png?fit=300%2C214&#038;ssl=1\" data-large-file=\"https:\/\/i0.wp.com\/itayachtscanada.com\/wp-content\/uploads\/2022\/11\/Capture-decran-le-2022-11-15-a-09.34.02.png?fit=700%2C500&#038;ssl=1\" src=\"https:\/\/i0.wp.com\/itayachtscanada.com\/wp-content\/uploads\/2022\/11\/Capture-decran-le-2022-11-15-a-09.34.02.png?w=344&#038;h=245&#038;ssl=1\" srcset=\"https:\/\/i0.wp.com\/itayachtscanada.com\/wp-content\/uploads\/2022\/11\/Capture-decran-le-2022-11-15-a-09.34.02.png?w=1154&amp;ssl=1 1154w, https:\/\/i0.wp.com\/itayachtscanada.com\/wp-content\/uploads\/2022\/11\/Capture-decran-le-2022-11-15-a-09.34.02.png?resize=300%2C214&amp;ssl=1 300w, https:\/\/i0.wp.com\/itayachtscanada.com\/wp-content\/uploads\/2022\/11\/Capture-decran-le-2022-11-15-a-09.34.02.png?resize=1024%2C731&amp;ssl=1 1024w, https:\/\/i0.wp.com\/itayachtscanada.com\/wp-content\/uploads\/2022\/11\/Capture-decran-le-2022-11-15-a-09.34.02.png?resize=768%2C548&amp;ssl=1 768w, https:\/\/i0.wp.com\/itayachtscanada.com\/wp-content\/uploads\/2022\/11\/Capture-decran-le-2022-11-15-a-09.34.02.png?resize=700%2C500&amp;ssl=1 700w, https:\/\/i0.wp.com\/itayachtscanada.com\/wp-content\/uploads\/2022\/11\/Capture-decran-le-2022-11-15-a-09.34.02.png?resize=560%2C400&amp;ssl=1 560w\" width=\"344\" height=\"245\" loading=\"lazy\" data-original-width=\"344\" data-original-height=\"245\" itemprop=\"http:\/\/schema.org\/image\" title=\"Capture d\u2019\u00e9cran, le 2022-11-15 \u00e0 09.34.02\" alt=\"Capture d\u2019\u00e9cran, le 2022-11-15 \u00e0 09.34.02\" style=\"width: 344px; height: 245px;\" \/> <\/a> <\/div> <\/div> <!-- close group --> <div class=\"gallery-group images-1\" style=\"width: 352px; height: 249px;\" data-original-width=\"352\" data-original-height=\"249\" > <div class=\"tiled-gallery-item tiled-gallery-item-large\" itemprop=\"associatedMedia\" itemscope itemtype=\"http:\/\/schema.org\/ImageObject\"> <a href=\"https:\/\/itayachtscanada.com\/fr\/listing\/arcadia-yacht-a85-2019-e4500000-euros-for-sale\/capture-decran-le-2022-11-15-a-09-34-32\/\" border=\"0\" itemprop=\"url\"> <meta itemprop=\"width\" content=\"348\"> <meta itemprop=\"height\" content=\"245\"> <img decoding=\"async\" class=\"\" data-attachment-id=\"85649\" data-orig-file=\"https:\/\/itayachtscanada.com\/wp-content\/uploads\/2022\/11\/Capture-decran-le-2022-11-15-a-09.34.32.png\" data-orig-size=\"1158,816\" data-comments-opened=\"1\" data-image-meta=\"{&quot;aperture&quot;:&quot;0&quot;,&quot;credit&quot;:&quot;&quot;,&quot;camera&quot;:&quot;&quot;,&quot;caption&quot;:&quot;&quot;,&quot;created_timestamp&quot;:&quot;0&quot;,&quot;copyright&quot;:&quot;&quot;,&quot;focal_length&quot;:&quot;0&quot;,&quot;iso&quot;:&quot;0&quot;,&quot;shutter_speed&quot;:&quot;0&quot;,&quot;title&quot;:&quot;&quot;,&quot;orientation&quot;:&quot;0&quot;}\" data-image-title=\"Capture d\u2019\u00e9cran, le 2022-11-15 \u00e0 09.34.32\" data-image-description=\"\" data-medium-file=\"https:\/\/i0.wp.com\/itayachtscanada.com\/wp-content\/uploads\/2022\/11\/Capture-decran-le-2022-11-15-a-09.34.32.png?fit=300%2C211&#038;ssl=1\" data-large-file=\"https:\/\/i0.wp.com\/itayachtscanada.com\/wp-content\/uploads\/2022\/11\/Capture-decran-le-2022-11-15-a-09.34.32.png?fit=700%2C494&#038;ssl=1\" src=\"https:\/\/i0.wp.com\/itayachtscanada.com\/wp-content\/uploads\/2022\/11\/Capture-decran-le-2022-11-15-a-09.34.32.png?w=348&#038;h=245&#038;ssl=1\" srcset=\"https:\/\/i0.wp.com\/itayachtscanada.com\/wp-content\/uploads\/2022\/11\/Capture-decran-le-2022-11-15-a-09.34.32.png?w=1158&amp;ssl=1 1158w, https:\/\/i0.wp.com\/itayachtscanada.com\/wp-content\/uploads\/2022\/11\/Capture-decran-le-2022-11-15-a-09.34.32.png?resize=300%2C211&amp;ssl=1 300w, https:\/\/i0.wp.com\/itayachtscanada.com\/wp-content\/uploads\/2022\/11\/Capture-decran-le-2022-11-15-a-09.34.32.png?resize=1024%2C722&amp;ssl=1 1024w, https:\/\/i0.wp.com\/itayachtscanada.com\/wp-content\/uploads\/2022\/11\/Capture-decran-le-2022-11-15-a-09.34.32.png?resize=768%2C541&amp;ssl=1 768w, https:\/\/i0.wp.com\/itayachtscanada.com\/wp-content\/uploads\/2022\/11\/Capture-decran-le-2022-11-15-a-09.34.32.png?resize=700%2C493&amp;ssl=1 700w, https:\/\/i0.wp.com\/itayachtscanada.com\/wp-content\/uploads\/2022\/11\/Capture-decran-le-2022-11-15-a-09.34.32.png?resize=568%2C400&amp;ssl=1 568w\" width=\"348\" height=\"245\" loading=\"lazy\" data-original-width=\"348\" data-original-height=\"245\" itemprop=\"http:\/\/schema.org\/image\" title=\"Capture d\u2019\u00e9cran, le 2022-11-15 \u00e0 09.34.32\" alt=\"Capture d\u2019\u00e9cran, le 2022-11-15 \u00e0 09.34.32\" style=\"width: 348px; height: 245px;\" \/> <\/a> <\/div> <\/div> <!-- close group --> <\/div> <!-- close row --> <div class=\"gallery-row\" style=\"width: 700px; height: 330px;\" data-original-width=\"700\" data-original-height=\"330\" > <div class=\"gallery-group images-2\" style=\"width: 233px; height: 330px;\" data-original-width=\"233\" data-original-height=\"330\" > <div class=\"tiled-gallery-item tiled-gallery-item-small\" itemprop=\"associatedMedia\" itemscope itemtype=\"http:\/\/schema.org\/ImageObject\"> <a href=\"https:\/\/itayachtscanada.com\/fr\/listing\/arcadia-yacht-a85-2019-e4500000-euros-for-sale\/capture-decran-le-2022-11-15-a-09-34-52\/\" border=\"0\" itemprop=\"url\"> <meta itemprop=\"width\" content=\"229\"> <meta itemprop=\"height\" content=\"161\"> <img decoding=\"async\" class=\"\" data-attachment-id=\"85645\" data-orig-file=\"https:\/\/itayachtscanada.com\/wp-content\/uploads\/2022\/11\/Capture-decran-le-2022-11-15-a-09.34.52.png\" data-orig-size=\"1164,816\" data-comments-opened=\"1\" data-image-meta=\"{&quot;aperture&quot;:&quot;0&quot;,&quot;credit&quot;:&quot;&quot;,&quot;camera&quot;:&quot;&quot;,&quot;caption&quot;:&quot;&quot;,&quot;created_timestamp&quot;:&quot;0&quot;,&quot;copyright&quot;:&quot;&quot;,&quot;focal_length&quot;:&quot;0&quot;,&quot;iso&quot;:&quot;0&quot;,&quot;shutter_speed&quot;:&quot;0&quot;,&quot;title&quot;:&quot;&quot;,&quot;orientation&quot;:&quot;0&quot;}\" data-image-title=\"Capture d\u2019\u00e9cran, le 2022-11-15 \u00e0 09.34.52\" data-image-description=\"\" data-medium-file=\"https:\/\/i0.wp.com\/itayachtscanada.com\/wp-content\/uploads\/2022\/11\/Capture-decran-le-2022-11-15-a-09.34.52.png?fit=300%2C210&#038;ssl=1\" data-large-file=\"https:\/\/i0.wp.com\/itayachtscanada.com\/wp-content\/uploads\/2022\/11\/Capture-decran-le-2022-11-15-a-09.34.52.png?fit=700%2C491&#038;ssl=1\" src=\"https:\/\/i0.wp.com\/itayachtscanada.com\/wp-content\/uploads\/2022\/11\/Capture-decran-le-2022-11-15-a-09.34.52.png?w=229&#038;h=161&#038;ssl=1\" srcset=\"https:\/\/i0.wp.com\/itayachtscanada.com\/wp-content\/uploads\/2022\/11\/Capture-decran-le-2022-11-15-a-09.34.52.png?w=1164&amp;ssl=1 1164w, https:\/\/i0.wp.com\/itayachtscanada.com\/wp-content\/uploads\/2022\/11\/Capture-decran-le-2022-11-15-a-09.34.52.png?resize=300%2C210&amp;ssl=1 300w, https:\/\/i0.wp.com\/itayachtscanada.com\/wp-content\/uploads\/2022\/11\/Capture-decran-le-2022-11-15-a-09.34.52.png?resize=1024%2C718&amp;ssl=1 1024w, https:\/\/i0.wp.com\/itayachtscanada.com\/wp-content\/uploads\/2022\/11\/Capture-decran-le-2022-11-15-a-09.34.52.png?resize=768%2C538&amp;ssl=1 768w, https:\/\/i0.wp.com\/itayachtscanada.com\/wp-content\/uploads\/2022\/11\/Capture-decran-le-2022-11-15-a-09.34.52.png?resize=700%2C491&amp;ssl=1 700w, https:\/\/i0.wp.com\/itayachtscanada.com\/wp-content\/uploads\/2022\/11\/Capture-decran-le-2022-11-15-a-09.34.52.png?resize=571%2C400&amp;ssl=1 571w\" width=\"229\" height=\"161\" loading=\"lazy\" data-original-width=\"229\" data-original-height=\"161\" itemprop=\"http:\/\/schema.org\/image\" title=\"Capture d\u2019\u00e9cran, le 2022-11-15 \u00e0 09.34.52\" alt=\"Capture d\u2019\u00e9cran, le 2022-11-15 \u00e0 09.34.52\" style=\"width: 229px; height: 161px;\" \/> <\/a> <\/div> <div class=\"tiled-gallery-item tiled-gallery-item-small\" itemprop=\"associatedMedia\" itemscope itemtype=\"http:\/\/schema.org\/ImageObject\"> <a href=\"https:\/\/itayachtscanada.com\/fr\/listing\/arcadia-yacht-a85-2019-e4500000-euros-for-sale\/capture-decran-le-2022-11-15-a-09-34-27\/\" border=\"0\" itemprop=\"url\"> <meta itemprop=\"width\" content=\"229\"> <meta itemprop=\"height\" content=\"161\"> <img decoding=\"async\" class=\"\" data-attachment-id=\"85650\" data-orig-file=\"https:\/\/itayachtscanada.com\/wp-content\/uploads\/2022\/11\/Capture-decran-le-2022-11-15-a-09.34.27.png\" data-orig-size=\"1158,816\" data-comments-opened=\"1\" data-image-meta=\"{&quot;aperture&quot;:&quot;0&quot;,&quot;credit&quot;:&quot;&quot;,&quot;camera&quot;:&quot;&quot;,&quot;caption&quot;:&quot;&quot;,&quot;created_timestamp&quot;:&quot;0&quot;,&quot;copyright&quot;:&quot;&quot;,&quot;focal_length&quot;:&quot;0&quot;,&quot;iso&quot;:&quot;0&quot;,&quot;shutter_speed&quot;:&quot;0&quot;,&quot;title&quot;:&quot;&quot;,&quot;orientation&quot;:&quot;0&quot;}\" data-image-title=\"Capture d\u2019\u00e9cran, le 2022-11-15 \u00e0 09.34.27\" data-image-description=\"\" data-medium-file=\"https:\/\/i0.wp.com\/itayachtscanada.com\/wp-content\/uploads\/2022\/11\/Capture-decran-le-2022-11-15-a-09.34.27.png?fit=300%2C211&#038;ssl=1\" data-large-file=\"https:\/\/i0.wp.com\/itayachtscanada.com\/wp-content\/uploads\/2022\/11\/Capture-decran-le-2022-11-15-a-09.34.27.png?fit=700%2C494&#038;ssl=1\" src=\"https:\/\/i0.wp.com\/itayachtscanada.com\/wp-content\/uploads\/2022\/11\/Capture-decran-le-2022-11-15-a-09.34.27.png?w=229&#038;h=161&#038;ssl=1\" srcset=\"https:\/\/i0.wp.com\/itayachtscanada.com\/wp-content\/uploads\/2022\/11\/Capture-decran-le-2022-11-15-a-09.34.27.png?w=1158&amp;ssl=1 1158w, https:\/\/i0.wp.com\/itayachtscanada.com\/wp-content\/uploads\/2022\/11\/Capture-decran-le-2022-11-15-a-09.34.27.png?resize=300%2C211&amp;ssl=1 300w, https:\/\/i0.wp.com\/itayachtscanada.com\/wp-content\/uploads\/2022\/11\/Capture-decran-le-2022-11-15-a-09.34.27.png?resize=1024%2C722&amp;ssl=1 1024w, https:\/\/i0.wp.com\/itayachtscanada.com\/wp-content\/uploads\/2022\/11\/Capture-decran-le-2022-11-15-a-09.34.27.png?resize=768%2C541&amp;ssl=1 768w, https:\/\/i0.wp.com\/itayachtscanada.com\/wp-content\/uploads\/2022\/11\/Capture-decran-le-2022-11-15-a-09.34.27.png?resize=700%2C493&amp;ssl=1 700w, https:\/\/i0.wp.com\/itayachtscanada.com\/wp-content\/uploads\/2022\/11\/Capture-decran-le-2022-11-15-a-09.34.27.png?resize=568%2C400&amp;ssl=1 568w\" width=\"229\" height=\"161\" loading=\"lazy\" data-original-width=\"229\" data-original-height=\"161\" itemprop=\"http:\/\/schema.org\/image\" title=\"Capture d\u2019\u00e9cran, le 2022-11-15 \u00e0 09.34.27\" alt=\"Capture d\u2019\u00e9cran, le 2022-11-15 \u00e0 09.34.27\" style=\"width: 229px; height: 161px;\" \/> <\/a> <\/div> <\/div> <!-- close group --> <div class=\"gallery-group images-1\" style=\"width: 467px; height: 330px;\" data-original-width=\"467\" data-original-height=\"330\" > <div class=\"tiled-gallery-item tiled-gallery-item-large\" itemprop=\"associatedMedia\" itemscope itemtype=\"http:\/\/schema.org\/ImageObject\"> <a href=\"https:\/\/itayachtscanada.com\/fr\/listing\/arcadia-yacht-a85-2019-e4500000-euros-for-sale\/capture-decran-le-2022-11-15-a-09-32-57\/\" border=\"0\" itemprop=\"url\"> <meta itemprop=\"width\" content=\"463\"> <meta itemprop=\"height\" content=\"326\"> <img decoding=\"async\" class=\"\" data-attachment-id=\"85669\" data-orig-file=\"https:\/\/itayachtscanada.com\/wp-content\/uploads\/2022\/11\/Capture-decran-le-2022-11-15-a-09.32.57.png\" data-orig-size=\"1174,826\" data-comments-opened=\"1\" data-image-meta=\"{&quot;aperture&quot;:&quot;0&quot;,&quot;credit&quot;:&quot;&quot;,&quot;camera&quot;:&quot;&quot;,&quot;caption&quot;:&quot;&quot;,&quot;created_timestamp&quot;:&quot;0&quot;,&quot;copyright&quot;:&quot;&quot;,&quot;focal_length&quot;:&quot;0&quot;,&quot;iso&quot;:&quot;0&quot;,&quot;shutter_speed&quot;:&quot;0&quot;,&quot;title&quot;:&quot;&quot;,&quot;orientation&quot;:&quot;0&quot;}\" data-image-title=\"Capture d\u2019\u00e9cran, le 2022-11-15 \u00e0 09.32.57\" data-image-description=\"\" data-medium-file=\"https:\/\/i0.wp.com\/itayachtscanada.com\/wp-content\/uploads\/2022\/11\/Capture-decran-le-2022-11-15-a-09.32.57.png?fit=300%2C211&#038;ssl=1\" data-large-file=\"https:\/\/i0.wp.com\/itayachtscanada.com\/wp-content\/uploads\/2022\/11\/Capture-decran-le-2022-11-15-a-09.32.57.png?fit=700%2C492&#038;ssl=1\" src=\"https:\/\/i0.wp.com\/itayachtscanada.com\/wp-content\/uploads\/2022\/11\/Capture-decran-le-2022-11-15-a-09.32.57.png?w=463&#038;h=326&#038;ssl=1\" srcset=\"https:\/\/i0.wp.com\/itayachtscanada.com\/wp-content\/uploads\/2022\/11\/Capture-decran-le-2022-11-15-a-09.32.57.png?w=1174&amp;ssl=1 1174w, https:\/\/i0.wp.com\/itayachtscanada.com\/wp-content\/uploads\/2022\/11\/Capture-decran-le-2022-11-15-a-09.32.57.png?resize=300%2C211&amp;ssl=1 300w, https:\/\/i0.wp.com\/itayachtscanada.com\/wp-content\/uploads\/2022\/11\/Capture-decran-le-2022-11-15-a-09.32.57.png?resize=1024%2C720&amp;ssl=1 1024w, https:\/\/i0.wp.com\/itayachtscanada.com\/wp-content\/uploads\/2022\/11\/Capture-decran-le-2022-11-15-a-09.32.57.png?resize=768%2C540&amp;ssl=1 768w, https:\/\/i0.wp.com\/itayachtscanada.com\/wp-content\/uploads\/2022\/11\/Capture-decran-le-2022-11-15-a-09.32.57.png?resize=700%2C493&amp;ssl=1 700w, https:\/\/i0.wp.com\/itayachtscanada.com\/wp-content\/uploads\/2022\/11\/Capture-decran-le-2022-11-15-a-09.32.57.png?resize=569%2C400&amp;ssl=1 569w\" width=\"463\" height=\"326\" loading=\"lazy\" data-original-width=\"463\" data-original-height=\"326\" itemprop=\"http:\/\/schema.org\/image\" title=\"Capture d\u2019\u00e9cran, le 2022-11-15 \u00e0 09.32.57\" alt=\"Capture d\u2019\u00e9cran, le 2022-11-15 \u00e0 09.32.57\" style=\"width: 463px; height: 326px;\" \/> <\/a> <\/div> <\/div> <!-- close group --> <\/div> <!-- close row --> <div class=\"gallery-row\" style=\"width: 700px; height: 330px;\" data-original-width=\"700\" data-original-height=\"330\" > <div class=\"gallery-group images-1\" style=\"width: 469px; height: 330px;\" data-original-width=\"469\" data-original-height=\"330\" > <div class=\"tiled-gallery-item tiled-gallery-item-large\" itemprop=\"associatedMedia\" itemscope itemtype=\"http:\/\/schema.org\/ImageObject\"> <a href=\"https:\/\/itayachtscanada.com\/fr\/listing\/arcadia-yacht-a85-2019-e4500000-euros-for-sale\/capture-decran-le-2022-11-15-a-09-35-26\/\" border=\"0\" itemprop=\"url\"> <meta itemprop=\"width\" content=\"465\"> <meta itemprop=\"height\" content=\"326\"> <img decoding=\"async\" class=\"\" data-attachment-id=\"85637\" data-orig-file=\"https:\/\/itayachtscanada.com\/wp-content\/uploads\/2022\/11\/Capture-decran-le-2022-11-15-a-09.35.26.png\" data-orig-size=\"1164,816\" data-comments-opened=\"1\" data-image-meta=\"{&quot;aperture&quot;:&quot;0&quot;,&quot;credit&quot;:&quot;&quot;,&quot;camera&quot;:&quot;&quot;,&quot;caption&quot;:&quot;&quot;,&quot;created_timestamp&quot;:&quot;0&quot;,&quot;copyright&quot;:&quot;&quot;,&quot;focal_length&quot;:&quot;0&quot;,&quot;iso&quot;:&quot;0&quot;,&quot;shutter_speed&quot;:&quot;0&quot;,&quot;title&quot;:&quot;&quot;,&quot;orientation&quot;:&quot;0&quot;}\" data-image-title=\"Capture d\u2019\u00e9cran, le 2022-11-15 \u00e0 09.35.26\" data-image-description=\"\" data-medium-file=\"https:\/\/i0.wp.com\/itayachtscanada.com\/wp-content\/uploads\/2022\/11\/Capture-decran-le-2022-11-15-a-09.35.26.png?fit=300%2C210&#038;ssl=1\" data-large-file=\"https:\/\/i0.wp.com\/itayachtscanada.com\/wp-content\/uploads\/2022\/11\/Capture-decran-le-2022-11-15-a-09.35.26.png?fit=700%2C491&#038;ssl=1\" src=\"https:\/\/i0.wp.com\/itayachtscanada.com\/wp-content\/uploads\/2022\/11\/Capture-decran-le-2022-11-15-a-09.35.26.png?w=465&#038;h=326&#038;ssl=1\" srcset=\"https:\/\/i0.wp.com\/itayachtscanada.com\/wp-content\/uploads\/2022\/11\/Capture-decran-le-2022-11-15-a-09.35.26.png?w=1164&amp;ssl=1 1164w, https:\/\/i0.wp.com\/itayachtscanada.com\/wp-content\/uploads\/2022\/11\/Capture-decran-le-2022-11-15-a-09.35.26.png?resize=300%2C210&amp;ssl=1 300w, https:\/\/i0.wp.com\/itayachtscanada.com\/wp-content\/uploads\/2022\/11\/Capture-decran-le-2022-11-15-a-09.35.26.png?resize=1024%2C718&amp;ssl=1 1024w, https:\/\/i0.wp.com\/itayachtscanada.com\/wp-content\/uploads\/2022\/11\/Capture-decran-le-2022-11-15-a-09.35.26.png?resize=768%2C538&amp;ssl=1 768w, https:\/\/i0.wp.com\/itayachtscanada.com\/wp-content\/uploads\/2022\/11\/Capture-decran-le-2022-11-15-a-09.35.26.png?resize=700%2C491&amp;ssl=1 700w, https:\/\/i0.wp.com\/itayachtscanada.com\/wp-content\/uploads\/2022\/11\/Capture-decran-le-2022-11-15-a-09.35.26.png?resize=571%2C400&amp;ssl=1 571w\" width=\"465\" height=\"326\" loading=\"lazy\" data-original-width=\"465\" data-original-height=\"326\" itemprop=\"http:\/\/schema.org\/image\" title=\"Capture d\u2019\u00e9cran, le 2022-11-15 \u00e0 09.35.26\" alt=\"Capture d\u2019\u00e9cran, le 2022-11-15 \u00e0 09.35.26\" style=\"width: 465px; height: 326px;\" \/> <\/a> <\/div> <\/div> <!-- close group --> <div class=\"gallery-group images-2\" style=\"width: 231px; height: 330px;\" data-original-width=\"231\" data-original-height=\"330\" > <div class=\"tiled-gallery-item tiled-gallery-item-small\" itemprop=\"associatedMedia\" itemscope itemtype=\"http:\/\/schema.org\/ImageObject\"> <a href=\"https:\/\/itayachtscanada.com\/fr\/listing\/arcadia-yacht-a85-2019-e4500000-euros-for-sale\/capture-decran-le-2022-11-15-a-09-35-21\/\" border=\"0\" itemprop=\"url\"> <meta itemprop=\"width\" content=\"227\"> <meta itemprop=\"height\" content=\"160\"> <img decoding=\"async\" class=\"\" data-attachment-id=\"85638\" data-orig-file=\"https:\/\/itayachtscanada.com\/wp-content\/uploads\/2022\/11\/Capture-decran-le-2022-11-15-a-09.35.21.png\" data-orig-size=\"1164,816\" data-comments-opened=\"1\" data-image-meta=\"{&quot;aperture&quot;:&quot;0&quot;,&quot;credit&quot;:&quot;&quot;,&quot;camera&quot;:&quot;&quot;,&quot;caption&quot;:&quot;&quot;,&quot;created_timestamp&quot;:&quot;0&quot;,&quot;copyright&quot;:&quot;&quot;,&quot;focal_length&quot;:&quot;0&quot;,&quot;iso&quot;:&quot;0&quot;,&quot;shutter_speed&quot;:&quot;0&quot;,&quot;title&quot;:&quot;&quot;,&quot;orientation&quot;:&quot;0&quot;}\" data-image-title=\"Capture d\u2019\u00e9cran, le 2022-11-15 \u00e0 09.35.21\" data-image-description=\"\" data-medium-file=\"https:\/\/i0.wp.com\/itayachtscanada.com\/wp-content\/uploads\/2022\/11\/Capture-decran-le-2022-11-15-a-09.35.21.png?fit=300%2C210&#038;ssl=1\" data-large-file=\"https:\/\/i0.wp.com\/itayachtscanada.com\/wp-content\/uploads\/2022\/11\/Capture-decran-le-2022-11-15-a-09.35.21.png?fit=700%2C491&#038;ssl=1\" src=\"https:\/\/i0.wp.com\/itayachtscanada.com\/wp-content\/uploads\/2022\/11\/Capture-decran-le-2022-11-15-a-09.35.21.png?w=227&#038;h=160&#038;ssl=1\" srcset=\"https:\/\/i0.wp.com\/itayachtscanada.com\/wp-content\/uploads\/2022\/11\/Capture-decran-le-2022-11-15-a-09.35.21.png?w=1164&amp;ssl=1 1164w, https:\/\/i0.wp.com\/itayachtscanada.com\/wp-content\/uploads\/2022\/11\/Capture-decran-le-2022-11-15-a-09.35.21.png?resize=300%2C210&amp;ssl=1 300w, https:\/\/i0.wp.com\/itayachtscanada.com\/wp-content\/uploads\/2022\/11\/Capture-decran-le-2022-11-15-a-09.35.21.png?resize=1024%2C718&amp;ssl=1 1024w, https:\/\/i0.wp.com\/itayachtscanada.com\/wp-content\/uploads\/2022\/11\/Capture-decran-le-2022-11-15-a-09.35.21.png?resize=768%2C538&amp;ssl=1 768w, https:\/\/i0.wp.com\/itayachtscanada.com\/wp-content\/uploads\/2022\/11\/Capture-decran-le-2022-11-15-a-09.35.21.png?resize=700%2C491&amp;ssl=1 700w, https:\/\/i0.wp.com\/itayachtscanada.com\/wp-content\/uploads\/2022\/11\/Capture-decran-le-2022-11-15-a-09.35.21.png?resize=571%2C400&amp;ssl=1 571w\" width=\"227\" height=\"160\" loading=\"lazy\" data-original-width=\"227\" data-original-height=\"160\" itemprop=\"http:\/\/schema.org\/image\" title=\"Capture d\u2019\u00e9cran, le 2022-11-15 \u00e0 09.35.21\" alt=\"Capture d\u2019\u00e9cran, le 2022-11-15 \u00e0 09.35.21\" style=\"width: 227px; height: 160px;\" \/> <\/a> <\/div> <div class=\"tiled-gallery-item tiled-gallery-item-small\" itemprop=\"associatedMedia\" itemscope itemtype=\"http:\/\/schema.org\/ImageObject\"> <a href=\"https:\/\/itayachtscanada.com\/fr\/listing\/arcadia-yacht-a85-2019-e4500000-euros-for-sale\/capture-decran-le-2022-11-15-a-09-33-58\/\" border=\"0\" itemprop=\"url\"> <meta itemprop=\"width\" content=\"227\"> <meta itemprop=\"height\" content=\"162\"> <img decoding=\"async\" class=\"\" data-attachment-id=\"85655\" data-orig-file=\"https:\/\/itayachtscanada.com\/wp-content\/uploads\/2022\/11\/Capture-decran-le-2022-11-15-a-09.33.58.png\" data-orig-size=\"1154,824\" data-comments-opened=\"1\" data-image-meta=\"{&quot;aperture&quot;:&quot;0&quot;,&quot;credit&quot;:&quot;&quot;,&quot;camera&quot;:&quot;&quot;,&quot;caption&quot;:&quot;&quot;,&quot;created_timestamp&quot;:&quot;0&quot;,&quot;copyright&quot;:&quot;&quot;,&quot;focal_length&quot;:&quot;0&quot;,&quot;iso&quot;:&quot;0&quot;,&quot;shutter_speed&quot;:&quot;0&quot;,&quot;title&quot;:&quot;&quot;,&quot;orientation&quot;:&quot;0&quot;}\" data-image-title=\"Capture d\u2019\u00e9cran, le 2022-11-15 \u00e0 09.33.58\" data-image-description=\"\" data-medium-file=\"https:\/\/i0.wp.com\/itayachtscanada.com\/wp-content\/uploads\/2022\/11\/Capture-decran-le-2022-11-15-a-09.33.58.png?fit=300%2C214&#038;ssl=1\" data-large-file=\"https:\/\/i0.wp.com\/itayachtscanada.com\/wp-content\/uploads\/2022\/11\/Capture-decran-le-2022-11-15-a-09.33.58.png?fit=700%2C500&#038;ssl=1\" src=\"https:\/\/i0.wp.com\/itayachtscanada.com\/wp-content\/uploads\/2022\/11\/Capture-decran-le-2022-11-15-a-09.33.58.png?w=227&#038;h=162&#038;ssl=1\" srcset=\"https:\/\/i0.wp.com\/itayachtscanada.com\/wp-content\/uploads\/2022\/11\/Capture-decran-le-2022-11-15-a-09.33.58.png?w=1154&amp;ssl=1 1154w, https:\/\/i0.wp.com\/itayachtscanada.com\/wp-content\/uploads\/2022\/11\/Capture-decran-le-2022-11-15-a-09.33.58.png?resize=300%2C214&amp;ssl=1 300w, https:\/\/i0.wp.com\/itayachtscanada.com\/wp-content\/uploads\/2022\/11\/Capture-decran-le-2022-11-15-a-09.33.58.png?resize=1024%2C731&amp;ssl=1 1024w, https:\/\/i0.wp.com\/itayachtscanada.com\/wp-content\/uploads\/2022\/11\/Capture-decran-le-2022-11-15-a-09.33.58.png?resize=768%2C548&amp;ssl=1 768w, https:\/\/i0.wp.com\/itayachtscanada.com\/wp-content\/uploads\/2022\/11\/Capture-decran-le-2022-11-15-a-09.33.58.png?resize=700%2C500&amp;ssl=1 700w, https:\/\/i0.wp.com\/itayachtscanada.com\/wp-content\/uploads\/2022\/11\/Capture-decran-le-2022-11-15-a-09.33.58.png?resize=560%2C400&amp;ssl=1 560w\" width=\"227\" height=\"162\" loading=\"lazy\" data-original-width=\"227\" data-original-height=\"162\" itemprop=\"http:\/\/schema.org\/image\" title=\"Capture d\u2019\u00e9cran, le 2022-11-15 \u00e0 09.33.58\" alt=\"Capture d\u2019\u00e9cran, le 2022-11-15 \u00e0 09.33.58\" style=\"width: 227px; height: 162px;\" \/> <\/a> <\/div> <\/div> <!-- close group --> <\/div> <!-- close row --> <div class=\"gallery-row\" style=\"width: 700px; height: 165px;\" data-original-width=\"700\" data-original-height=\"165\" > <div class=\"gallery-group images-1\" style=\"width: 234px; height: 165px;\" data-original-width=\"234\" data-original-height=\"165\" > <div class=\"tiled-gallery-item tiled-gallery-item-small\" itemprop=\"associatedMedia\" itemscope itemtype=\"http:\/\/schema.org\/ImageObject\"> <a href=\"https:\/\/itayachtscanada.com\/fr\/listing\/arcadia-yacht-a85-2019-e4500000-euros-for-sale\/capture-decran-le-2022-11-15-a-09-33-30\/\" border=\"0\" itemprop=\"url\"> <meta itemprop=\"width\" content=\"230\"> <meta itemprop=\"height\" content=\"161\"> <img decoding=\"async\" class=\"\" data-attachment-id=\"85658\" data-orig-file=\"https:\/\/itayachtscanada.com\/wp-content\/uploads\/2022\/11\/Capture-decran-le-2022-11-15-a-09.33.30.png\" data-orig-size=\"1174,826\" data-comments-opened=\"1\" data-image-meta=\"{&quot;aperture&quot;:&quot;0&quot;,&quot;credit&quot;:&quot;&quot;,&quot;camera&quot;:&quot;&quot;,&quot;caption&quot;:&quot;&quot;,&quot;created_timestamp&quot;:&quot;0&quot;,&quot;copyright&quot;:&quot;&quot;,&quot;focal_length&quot;:&quot;0&quot;,&quot;iso&quot;:&quot;0&quot;,&quot;shutter_speed&quot;:&quot;0&quot;,&quot;title&quot;:&quot;&quot;,&quot;orientation&quot;:&quot;0&quot;}\" data-image-title=\"Capture d\u2019\u00e9cran, le 2022-11-15 \u00e0 09.33.30\" data-image-description=\"\" data-medium-file=\"https:\/\/i0.wp.com\/itayachtscanada.com\/wp-content\/uploads\/2022\/11\/Capture-decran-le-2022-11-15-a-09.33.30.png?fit=300%2C211&#038;ssl=1\" data-large-file=\"https:\/\/i0.wp.com\/itayachtscanada.com\/wp-content\/uploads\/2022\/11\/Capture-decran-le-2022-11-15-a-09.33.30.png?fit=700%2C492&#038;ssl=1\" src=\"https:\/\/i0.wp.com\/itayachtscanada.com\/wp-content\/uploads\/2022\/11\/Capture-decran-le-2022-11-15-a-09.33.30.png?w=230&#038;h=161&#038;ssl=1\" srcset=\"https:\/\/i0.wp.com\/itayachtscanada.com\/wp-content\/uploads\/2022\/11\/Capture-decran-le-2022-11-15-a-09.33.30.png?w=1174&amp;ssl=1 1174w, https:\/\/i0.wp.com\/itayachtscanada.com\/wp-content\/uploads\/2022\/11\/Capture-decran-le-2022-11-15-a-09.33.30.png?resize=300%2C211&amp;ssl=1 300w, https:\/\/i0.wp.com\/itayachtscanada.com\/wp-content\/uploads\/2022\/11\/Capture-decran-le-2022-11-15-a-09.33.30.png?resize=1024%2C720&amp;ssl=1 1024w, https:\/\/i0.wp.com\/itayachtscanada.com\/wp-content\/uploads\/2022\/11\/Capture-decran-le-2022-11-15-a-09.33.30.png?resize=768%2C540&amp;ssl=1 768w, https:\/\/i0.wp.com\/itayachtscanada.com\/wp-content\/uploads\/2022\/11\/Capture-decran-le-2022-11-15-a-09.33.30.png?resize=700%2C493&amp;ssl=1 700w, https:\/\/i0.wp.com\/itayachtscanada.com\/wp-content\/uploads\/2022\/11\/Capture-decran-le-2022-11-15-a-09.33.30.png?resize=569%2C400&amp;ssl=1 569w\" width=\"230\" height=\"161\" loading=\"lazy\" data-original-width=\"230\" data-original-height=\"161\" itemprop=\"http:\/\/schema.org\/image\" title=\"Capture d\u2019\u00e9cran, le 2022-11-15 \u00e0 09.33.30\" alt=\"Capture d\u2019\u00e9cran, le 2022-11-15 \u00e0 09.33.30\" style=\"width: 230px; height: 161px;\" \/> <\/a> <\/div> <\/div> <!-- close group --> <div class=\"gallery-group images-1\" style=\"width: 233px; height: 165px;\" data-original-width=\"233\" data-original-height=\"165\" > <div class=\"tiled-gallery-item tiled-gallery-item-small\" itemprop=\"associatedMedia\" itemscope itemtype=\"http:\/\/schema.org\/ImageObject\"> <a href=\"https:\/\/itayachtscanada.com\/fr\/listing\/arcadia-yacht-a85-2019-e4500000-euros-for-sale\/capture-decran-le-2022-11-15-a-09-33-27\/\" border=\"0\" itemprop=\"url\"> <meta itemprop=\"width\" content=\"229\"> <meta itemprop=\"height\" content=\"161\"> <img decoding=\"async\" class=\"\" data-attachment-id=\"85659\" data-orig-file=\"https:\/\/itayachtscanada.com\/wp-content\/uploads\/2022\/11\/Capture-decran-le-2022-11-15-a-09.33.27.png\" data-orig-size=\"1174,826\" data-comments-opened=\"1\" data-image-meta=\"{&quot;aperture&quot;:&quot;0&quot;,&quot;credit&quot;:&quot;&quot;,&quot;camera&quot;:&quot;&quot;,&quot;caption&quot;:&quot;&quot;,&quot;created_timestamp&quot;:&quot;0&quot;,&quot;copyright&quot;:&quot;&quot;,&quot;focal_length&quot;:&quot;0&quot;,&quot;iso&quot;:&quot;0&quot;,&quot;shutter_speed&quot;:&quot;0&quot;,&quot;title&quot;:&quot;&quot;,&quot;orientation&quot;:&quot;0&quot;}\" data-image-title=\"Capture d\u2019\u00e9cran, le 2022-11-15 \u00e0 09.33.27\" data-image-description=\"\" data-medium-file=\"https:\/\/i0.wp.com\/itayachtscanada.com\/wp-content\/uploads\/2022\/11\/Capture-decran-le-2022-11-15-a-09.33.27.png?fit=300%2C211&#038;ssl=1\" data-large-file=\"https:\/\/i0.wp.com\/itayachtscanada.com\/wp-content\/uploads\/2022\/11\/Capture-decran-le-2022-11-15-a-09.33.27.png?fit=700%2C492&#038;ssl=1\" src=\"https:\/\/i0.wp.com\/itayachtscanada.com\/wp-content\/uploads\/2022\/11\/Capture-decran-le-2022-11-15-a-09.33.27.png?w=229&#038;h=161&#038;ssl=1\" srcset=\"https:\/\/i0.wp.com\/itayachtscanada.com\/wp-content\/uploads\/2022\/11\/Capture-decran-le-2022-11-15-a-09.33.27.png?w=1174&amp;ssl=1 1174w, https:\/\/i0.wp.com\/itayachtscanada.com\/wp-content\/uploads\/2022\/11\/Capture-decran-le-2022-11-15-a-09.33.27.png?resize=300%2C211&amp;ssl=1 300w, https:\/\/i0.wp.com\/itayachtscanada.com\/wp-content\/uploads\/2022\/11\/Capture-decran-le-2022-11-15-a-09.33.27.png?resize=1024%2C720&amp;ssl=1 1024w, https:\/\/i0.wp.com\/itayachtscanada.com\/wp-content\/uploads\/2022\/11\/Capture-decran-le-2022-11-15-a-09.33.27.png?resize=768%2C540&amp;ssl=1 768w, https:\/\/i0.wp.com\/itayachtscanada.com\/wp-content\/uploads\/2022\/11\/Capture-decran-le-2022-11-15-a-09.33.27.png?resize=700%2C493&amp;ssl=1 700w, https:\/\/i0.wp.com\/itayachtscanada.com\/wp-content\/uploads\/2022\/11\/Capture-decran-le-2022-11-15-a-09.33.27.png?resize=569%2C400&amp;ssl=1 569w\" width=\"229\" height=\"161\" loading=\"lazy\" data-original-width=\"229\" data-original-height=\"161\" itemprop=\"http:\/\/schema.org\/image\" title=\"Capture d\u2019\u00e9cran, le 2022-11-15 \u00e0 09.33.27\" alt=\"Capture d\u2019\u00e9cran, le 2022-11-15 \u00e0 09.33.27\" style=\"width: 229px; height: 161px;\" \/> <\/a> <\/div> <\/div> <!-- close group --> <div class=\"gallery-group images-1\" style=\"width: 233px; height: 165px;\" data-original-width=\"233\" data-original-height=\"165\" > <div class=\"tiled-gallery-item tiled-gallery-item-small\" itemprop=\"associatedMedia\" itemscope itemtype=\"http:\/\/schema.org\/ImageObject\"> <a href=\"https:\/\/itayachtscanada.com\/fr\/listing\/arcadia-yacht-a85-2019-e4500000-euros-for-sale\/capture-decran-le-2022-11-15-a-09-33-00\/\" border=\"0\" itemprop=\"url\"> <meta itemprop=\"width\" content=\"229\"> <meta itemprop=\"height\" content=\"161\"> <img decoding=\"async\" class=\"\" data-attachment-id=\"85667\" data-orig-file=\"https:\/\/itayachtscanada.com\/wp-content\/uploads\/2022\/11\/Capture-decran-le-2022-11-15-a-09.33.00.png\" data-orig-size=\"1174,826\" data-comments-opened=\"1\" data-image-meta=\"{&quot;aperture&quot;:&quot;0&quot;,&quot;credit&quot;:&quot;&quot;,&quot;camera&quot;:&quot;&quot;,&quot;caption&quot;:&quot;&quot;,&quot;created_timestamp&quot;:&quot;0&quot;,&quot;copyright&quot;:&quot;&quot;,&quot;focal_length&quot;:&quot;0&quot;,&quot;iso&quot;:&quot;0&quot;,&quot;shutter_speed&quot;:&quot;0&quot;,&quot;title&quot;:&quot;&quot;,&quot;orientation&quot;:&quot;0&quot;}\" data-image-title=\"Capture d\u2019\u00e9cran, le 2022-11-15 \u00e0 09.33.00\" data-image-description=\"\" data-medium-file=\"https:\/\/i0.wp.com\/itayachtscanada.com\/wp-content\/uploads\/2022\/11\/Capture-decran-le-2022-11-15-a-09.33.00.png?fit=300%2C211&#038;ssl=1\" data-large-file=\"https:\/\/i0.wp.com\/itayachtscanada.com\/wp-content\/uploads\/2022\/11\/Capture-decran-le-2022-11-15-a-09.33.00.png?fit=700%2C492&#038;ssl=1\" src=\"https:\/\/i0.wp.com\/itayachtscanada.com\/wp-content\/uploads\/2022\/11\/Capture-decran-le-2022-11-15-a-09.33.00.png?w=229&#038;h=161&#038;ssl=1\" srcset=\"https:\/\/i0.wp.com\/itayachtscanada.com\/wp-content\/uploads\/2022\/11\/Capture-decran-le-2022-11-15-a-09.33.00.png?w=1174&amp;ssl=1 1174w, https:\/\/i0.wp.com\/itayachtscanada.com\/wp-content\/uploads\/2022\/11\/Capture-decran-le-2022-11-15-a-09.33.00.png?resize=300%2C211&amp;ssl=1 300w, https:\/\/i0.wp.com\/itayachtscanada.com\/wp-content\/uploads\/2022\/11\/Capture-decran-le-2022-11-15-a-09.33.00.png?resize=1024%2C720&amp;ssl=1 1024w, https:\/\/i0.wp.com\/itayachtscanada.com\/wp-content\/uploads\/2022\/11\/Capture-decran-le-2022-11-15-a-09.33.00.png?resize=768%2C540&amp;ssl=1 768w, https:\/\/i0.wp.com\/itayachtscanada.com\/wp-content\/uploads\/2022\/11\/Capture-decran-le-2022-11-15-a-09.33.00.png?resize=700%2C493&amp;ssl=1 700w, https:\/\/i0.wp.com\/itayachtscanada.com\/wp-content\/uploads\/2022\/11\/Capture-decran-le-2022-11-15-a-09.33.00.png?resize=569%2C400&amp;ssl=1 569w\" width=\"229\" height=\"161\" loading=\"lazy\" data-original-width=\"229\" data-original-height=\"161\" itemprop=\"http:\/\/schema.org\/image\" title=\"Capture d\u2019\u00e9cran, le 2022-11-15 \u00e0 09.33.00\" alt=\"Capture d\u2019\u00e9cran, le 2022-11-15 \u00e0 09.33.00\" style=\"width: 229px; height: 161px;\" \/> <\/a> <\/div> <\/div> <!-- close group --> <\/div> <!-- close row --> <div class=\"gallery-row\" style=\"width: 700px; height: 247px;\" data-original-width=\"700\" data-original-height=\"247\" > <div class=\"gallery-group images-1\" style=\"width: 350px; height: 247px;\" data-original-width=\"350\" data-original-height=\"247\" > <div class=\"tiled-gallery-item tiled-gallery-item-large\" itemprop=\"associatedMedia\" itemscope itemtype=\"http:\/\/schema.org\/ImageObject\"> <a href=\"https:\/\/itayachtscanada.com\/fr\/listing\/arcadia-yacht-a85-2019-e4500000-euros-for-sale\/capture-decran-le-2022-11-15-a-09-33-24\/\" border=\"0\" itemprop=\"url\"> <meta itemprop=\"width\" content=\"346\"> <meta itemprop=\"height\" content=\"243\"> <img decoding=\"async\" class=\"\" data-attachment-id=\"85660\" data-orig-file=\"https:\/\/itayachtscanada.com\/wp-content\/uploads\/2022\/11\/Capture-decran-le-2022-11-15-a-09.33.24.png\" data-orig-size=\"1174,826\" data-comments-opened=\"1\" data-image-meta=\"{&quot;aperture&quot;:&quot;0&quot;,&quot;credit&quot;:&quot;&quot;,&quot;camera&quot;:&quot;&quot;,&quot;caption&quot;:&quot;&quot;,&quot;created_timestamp&quot;:&quot;0&quot;,&quot;copyright&quot;:&quot;&quot;,&quot;focal_length&quot;:&quot;0&quot;,&quot;iso&quot;:&quot;0&quot;,&quot;shutter_speed&quot;:&quot;0&quot;,&quot;title&quot;:&quot;&quot;,&quot;orientation&quot;:&quot;0&quot;}\" data-image-title=\"Capture d\u2019\u00e9cran, le 2022-11-15 \u00e0 09.33.24\" data-image-description=\"\" data-medium-file=\"https:\/\/i0.wp.com\/itayachtscanada.com\/wp-content\/uploads\/2022\/11\/Capture-decran-le-2022-11-15-a-09.33.24.png?fit=300%2C211&#038;ssl=1\" data-large-file=\"https:\/\/i0.wp.com\/itayachtscanada.com\/wp-content\/uploads\/2022\/11\/Capture-decran-le-2022-11-15-a-09.33.24.png?fit=700%2C492&#038;ssl=1\" src=\"https:\/\/i0.wp.com\/itayachtscanada.com\/wp-content\/uploads\/2022\/11\/Capture-decran-le-2022-11-15-a-09.33.24.png?w=346&#038;h=243&#038;ssl=1\" srcset=\"https:\/\/i0.wp.com\/itayachtscanada.com\/wp-content\/uploads\/2022\/11\/Capture-decran-le-2022-11-15-a-09.33.24.png?w=1174&amp;ssl=1 1174w, https:\/\/i0.wp.com\/itayachtscanada.com\/wp-content\/uploads\/2022\/11\/Capture-decran-le-2022-11-15-a-09.33.24.png?resize=300%2C211&amp;ssl=1 300w, https:\/\/i0.wp.com\/itayachtscanada.com\/wp-content\/uploads\/2022\/11\/Capture-decran-le-2022-11-15-a-09.33.24.png?resize=1024%2C720&amp;ssl=1 1024w, https:\/\/i0.wp.com\/itayachtscanada.com\/wp-content\/uploads\/2022\/11\/Capture-decran-le-2022-11-15-a-09.33.24.png?resize=768%2C540&amp;ssl=1 768w, https:\/\/i0.wp.com\/itayachtscanada.com\/wp-content\/uploads\/2022\/11\/Capture-decran-le-2022-11-15-a-09.33.24.png?resize=700%2C493&amp;ssl=1 700w, https:\/\/i0.wp.com\/itayachtscanada.com\/wp-content\/uploads\/2022\/11\/Capture-decran-le-2022-11-15-a-09.33.24.png?resize=569%2C400&amp;ssl=1 569w\" width=\"346\" height=\"243\" loading=\"lazy\" data-original-width=\"346\" data-original-height=\"243\" itemprop=\"http:\/\/schema.org\/image\" title=\"Capture d\u2019\u00e9cran, le 2022-11-15 \u00e0 09.33.24\" alt=\"Capture d\u2019\u00e9cran, le 2022-11-15 \u00e0 09.33.24\" style=\"width: 346px; height: 243px;\" \/> <\/a> <\/div> <\/div> <!-- close group --> <div class=\"gallery-group images-1\" style=\"width: 350px; height: 247px;\" data-original-width=\"350\" data-original-height=\"247\" > <div class=\"tiled-gallery-item tiled-gallery-item-large\" itemprop=\"associatedMedia\" itemscope itemtype=\"http:\/\/schema.org\/ImageObject\"> <a href=\"https:\/\/itayachtscanada.com\/fr\/listing\/arcadia-yacht-a85-2019-e4500000-euros-for-sale\/capture-decran-le-2022-11-15-a-09-33-21\/\" border=\"0\" itemprop=\"url\"> <meta itemprop=\"width\" content=\"346\"> <meta itemprop=\"height\" content=\"243\"> <img decoding=\"async\" class=\"\" data-attachment-id=\"85661\" data-orig-file=\"https:\/\/itayachtscanada.com\/wp-content\/uploads\/2022\/11\/Capture-decran-le-2022-11-15-a-09.33.21.png\" data-orig-size=\"1174,826\" data-comments-opened=\"1\" data-image-meta=\"{&quot;aperture&quot;:&quot;0&quot;,&quot;credit&quot;:&quot;&quot;,&quot;camera&quot;:&quot;&quot;,&quot;caption&quot;:&quot;&quot;,&quot;created_timestamp&quot;:&quot;0&quot;,&quot;copyright&quot;:&quot;&quot;,&quot;focal_length&quot;:&quot;0&quot;,&quot;iso&quot;:&quot;0&quot;,&quot;shutter_speed&quot;:&quot;0&quot;,&quot;title&quot;:&quot;&quot;,&quot;orientation&quot;:&quot;0&quot;}\" data-image-title=\"Capture d\u2019\u00e9cran, le 2022-11-15 \u00e0 09.33.21\" data-image-description=\"\" data-medium-file=\"https:\/\/i0.wp.com\/itayachtscanada.com\/wp-content\/uploads\/2022\/11\/Capture-decran-le-2022-11-15-a-09.33.21.png?fit=300%2C211&#038;ssl=1\" data-large-file=\"https:\/\/i0.wp.com\/itayachtscanada.com\/wp-content\/uploads\/2022\/11\/Capture-decran-le-2022-11-15-a-09.33.21.png?fit=700%2C492&#038;ssl=1\" src=\"https:\/\/i0.wp.com\/itayachtscanada.com\/wp-content\/uploads\/2022\/11\/Capture-decran-le-2022-11-15-a-09.33.21.png?w=346&#038;h=243&#038;ssl=1\" srcset=\"https:\/\/i0.wp.com\/itayachtscanada.com\/wp-content\/uploads\/2022\/11\/Capture-decran-le-2022-11-15-a-09.33.21.png?w=1174&amp;ssl=1 1174w, https:\/\/i0.wp.com\/itayachtscanada.com\/wp-content\/uploads\/2022\/11\/Capture-decran-le-2022-11-15-a-09.33.21.png?resize=300%2C211&amp;ssl=1 300w, https:\/\/i0.wp.com\/itayachtscanada.com\/wp-content\/uploads\/2022\/11\/Capture-decran-le-2022-11-15-a-09.33.21.png?resize=1024%2C720&amp;ssl=1 1024w, https:\/\/i0.wp.com\/itayachtscanada.com\/wp-content\/uploads\/2022\/11\/Capture-decran-le-2022-11-15-a-09.33.21.png?resize=768%2C540&amp;ssl=1 768w, https:\/\/i0.wp.com\/itayachtscanada.com\/wp-content\/uploads\/2022\/11\/Capture-decran-le-2022-11-15-a-09.33.21.png?resize=700%2C493&amp;ssl=1 700w, https:\/\/i0.wp.com\/itayachtscanada.com\/wp-content\/uploads\/2022\/11\/Capture-decran-le-2022-11-15-a-09.33.21.png?resize=569%2C400&amp;ssl=1 569w\" width=\"346\" height=\"243\" loading=\"lazy\" data-original-width=\"346\" data-original-height=\"243\" itemprop=\"http:\/\/schema.org\/image\" title=\"Capture d\u2019\u00e9cran, le 2022-11-15 \u00e0 09.33.21\" alt=\"Capture d\u2019\u00e9cran, le 2022-11-15 \u00e0 09.33.21\" style=\"width: 346px; height: 243px;\" \/> <\/a> <\/div> <\/div> <!-- close group --> <\/div> <!-- close row --> <div class=\"gallery-row\" style=\"width: 700px; height: 329px;\" data-original-width=\"700\" data-original-height=\"329\" > <div class=\"gallery-group images-2\" style=\"width: 232px; height: 329px;\" data-original-width=\"232\" data-original-height=\"329\" > <div class=\"tiled-gallery-item tiled-gallery-item-small\" itemprop=\"associatedMedia\" itemscope itemtype=\"http:\/\/schema.org\/ImageObject\"> <a href=\"https:\/\/itayachtscanada.com\/fr\/listing\/arcadia-yacht-a85-2019-e4500000-euros-for-sale\/capture-decran-le-2022-11-15-a-09-33-17\/\" border=\"0\" itemprop=\"url\"> <meta itemprop=\"width\" content=\"228\"> <meta itemprop=\"height\" content=\"161\"> <img decoding=\"async\" class=\"\" data-attachment-id=\"85662\" data-orig-file=\"https:\/\/itayachtscanada.com\/wp-content\/uploads\/2022\/11\/Capture-decran-le-2022-11-15-a-09.33.17.png\" data-orig-size=\"1174,826\" data-comments-opened=\"1\" data-image-meta=\"{&quot;aperture&quot;:&quot;0&quot;,&quot;credit&quot;:&quot;&quot;,&quot;camera&quot;:&quot;&quot;,&quot;caption&quot;:&quot;&quot;,&quot;created_timestamp&quot;:&quot;0&quot;,&quot;copyright&quot;:&quot;&quot;,&quot;focal_length&quot;:&quot;0&quot;,&quot;iso&quot;:&quot;0&quot;,&quot;shutter_speed&quot;:&quot;0&quot;,&quot;title&quot;:&quot;&quot;,&quot;orientation&quot;:&quot;0&quot;}\" data-image-title=\"Capture d\u2019\u00e9cran, le 2022-11-15 \u00e0 09.33.17\" data-image-description=\"\" data-medium-file=\"https:\/\/i0.wp.com\/itayachtscanada.com\/wp-content\/uploads\/2022\/11\/Capture-decran-le-2022-11-15-a-09.33.17.png?fit=300%2C211&#038;ssl=1\" data-large-file=\"https:\/\/i0.wp.com\/itayachtscanada.com\/wp-content\/uploads\/2022\/11\/Capture-decran-le-2022-11-15-a-09.33.17.png?fit=700%2C492&#038;ssl=1\" src=\"https:\/\/i0.wp.com\/itayachtscanada.com\/wp-content\/uploads\/2022\/11\/Capture-decran-le-2022-11-15-a-09.33.17.png?w=228&#038;h=161&#038;ssl=1\" srcset=\"https:\/\/i0.wp.com\/itayachtscanada.com\/wp-content\/uploads\/2022\/11\/Capture-decran-le-2022-11-15-a-09.33.17.png?w=1174&amp;ssl=1 1174w, https:\/\/i0.wp.com\/itayachtscanada.com\/wp-content\/uploads\/2022\/11\/Capture-decran-le-2022-11-15-a-09.33.17.png?resize=300%2C211&amp;ssl=1 300w, https:\/\/i0.wp.com\/itayachtscanada.com\/wp-content\/uploads\/2022\/11\/Capture-decran-le-2022-11-15-a-09.33.17.png?resize=1024%2C720&amp;ssl=1 1024w, https:\/\/i0.wp.com\/itayachtscanada.com\/wp-content\/uploads\/2022\/11\/Capture-decran-le-2022-11-15-a-09.33.17.png?resize=768%2C540&amp;ssl=1 768w, https:\/\/i0.wp.com\/itayachtscanada.com\/wp-content\/uploads\/2022\/11\/Capture-decran-le-2022-11-15-a-09.33.17.png?resize=700%2C493&amp;ssl=1 700w, https:\/\/i0.wp.com\/itayachtscanada.com\/wp-content\/uploads\/2022\/11\/Capture-decran-le-2022-11-15-a-09.33.17.png?resize=569%2C400&amp;ssl=1 569w\" width=\"228\" height=\"161\" loading=\"lazy\" data-original-width=\"228\" data-original-height=\"161\" itemprop=\"http:\/\/schema.org\/image\" title=\"Capture d\u2019\u00e9cran, le 2022-11-15 \u00e0 09.33.17\" alt=\"Capture d\u2019\u00e9cran, le 2022-11-15 \u00e0 09.33.17\" style=\"width: 228px; height: 161px;\" \/> <\/a> <\/div> <div class=\"tiled-gallery-item tiled-gallery-item-small\" itemprop=\"associatedMedia\" itemscope itemtype=\"http:\/\/schema.org\/ImageObject\"> <a href=\"https:\/\/itayachtscanada.com\/fr\/listing\/arcadia-yacht-a85-2019-e4500000-euros-for-sale\/capture-decran-le-2022-11-15-a-09-33-13\/\" border=\"0\" itemprop=\"url\"> <meta itemprop=\"width\" content=\"228\"> <meta itemprop=\"height\" content=\"160\"> <img decoding=\"async\" class=\"\" data-attachment-id=\"85663\" data-orig-file=\"https:\/\/itayachtscanada.com\/wp-content\/uploads\/2022\/11\/Capture-decran-le-2022-11-15-a-09.33.13.png\" data-orig-size=\"1174,826\" data-comments-opened=\"1\" data-image-meta=\"{&quot;aperture&quot;:&quot;0&quot;,&quot;credit&quot;:&quot;&quot;,&quot;camera&quot;:&quot;&quot;,&quot;caption&quot;:&quot;&quot;,&quot;created_timestamp&quot;:&quot;0&quot;,&quot;copyright&quot;:&quot;&quot;,&quot;focal_length&quot;:&quot;0&quot;,&quot;iso&quot;:&quot;0&quot;,&quot;shutter_speed&quot;:&quot;0&quot;,&quot;title&quot;:&quot;&quot;,&quot;orientation&quot;:&quot;0&quot;}\" data-image-title=\"Capture d\u2019\u00e9cran, le 2022-11-15 \u00e0 09.33.13\" data-image-description=\"\" data-medium-file=\"https:\/\/i0.wp.com\/itayachtscanada.com\/wp-content\/uploads\/2022\/11\/Capture-decran-le-2022-11-15-a-09.33.13.png?fit=300%2C211&#038;ssl=1\" data-large-file=\"https:\/\/i0.wp.com\/itayachtscanada.com\/wp-content\/uploads\/2022\/11\/Capture-decran-le-2022-11-15-a-09.33.13.png?fit=700%2C492&#038;ssl=1\" src=\"https:\/\/i0.wp.com\/itayachtscanada.com\/wp-content\/uploads\/2022\/11\/Capture-decran-le-2022-11-15-a-09.33.13.png?w=228&#038;h=160&#038;ssl=1\" srcset=\"https:\/\/i0.wp.com\/itayachtscanada.com\/wp-content\/uploads\/2022\/11\/Capture-decran-le-2022-11-15-a-09.33.13.png?w=1174&amp;ssl=1 1174w, https:\/\/i0.wp.com\/itayachtscanada.com\/wp-content\/uploads\/2022\/11\/Capture-decran-le-2022-11-15-a-09.33.13.png?resize=300%2C211&amp;ssl=1 300w, https:\/\/i0.wp.com\/itayachtscanada.com\/wp-content\/uploads\/2022\/11\/Capture-decran-le-2022-11-15-a-09.33.13.png?resize=1024%2C720&amp;ssl=1 1024w, https:\/\/i0.wp.com\/itayachtscanada.com\/wp-content\/uploads\/2022\/11\/Capture-decran-le-2022-11-15-a-09.33.13.png?resize=768%2C540&amp;ssl=1 768w, https:\/\/i0.wp.com\/itayachtscanada.com\/wp-content\/uploads\/2022\/11\/Capture-decran-le-2022-11-15-a-09.33.13.png?resize=700%2C493&amp;ssl=1 700w, https:\/\/i0.wp.com\/itayachtscanada.com\/wp-content\/uploads\/2022\/11\/Capture-decran-le-2022-11-15-a-09.33.13.png?resize=569%2C400&amp;ssl=1 569w\" width=\"228\" height=\"160\" loading=\"lazy\" data-original-width=\"228\" data-original-height=\"160\" itemprop=\"http:\/\/schema.org\/image\" title=\"Capture d\u2019\u00e9cran, le 2022-11-15 \u00e0 09.33.13\" alt=\"Capture d\u2019\u00e9cran, le 2022-11-15 \u00e0 09.33.13\" style=\"width: 228px; height: 160px;\" \/> <\/a> <\/div> <\/div> <!-- close group --> <div class=\"gallery-group images-1\" style=\"width: 468px; height: 329px;\" data-original-width=\"468\" data-original-height=\"329\" > <div class=\"tiled-gallery-item tiled-gallery-item-large\" itemprop=\"associatedMedia\" itemscope itemtype=\"http:\/\/schema.org\/ImageObject\"> <a href=\"https:\/\/itayachtscanada.com\/fr\/listing\/arcadia-yacht-a85-2019-e4500000-euros-for-sale\/capture-decran-le-2022-11-15-a-09-32-50\/\" border=\"0\" itemprop=\"url\"> <meta itemprop=\"width\" content=\"464\"> <meta itemprop=\"height\" content=\"325\"> <img decoding=\"async\" class=\"\" data-attachment-id=\"85670\" data-orig-file=\"https:\/\/itayachtscanada.com\/wp-content\/uploads\/2022\/11\/Capture-decran-le-2022-11-15-a-09.32.50.png\" data-orig-size=\"1180,826\" data-comments-opened=\"1\" data-image-meta=\"{&quot;aperture&quot;:&quot;0&quot;,&quot;credit&quot;:&quot;&quot;,&quot;camera&quot;:&quot;&quot;,&quot;caption&quot;:&quot;&quot;,&quot;created_timestamp&quot;:&quot;0&quot;,&quot;copyright&quot;:&quot;&quot;,&quot;focal_length&quot;:&quot;0&quot;,&quot;iso&quot;:&quot;0&quot;,&quot;shutter_speed&quot;:&quot;0&quot;,&quot;title&quot;:&quot;&quot;,&quot;orientation&quot;:&quot;0&quot;}\" data-image-title=\"Capture d\u2019\u00e9cran, le 2022-11-15 \u00e0 09.32.50\" data-image-description=\"\" data-medium-file=\"https:\/\/i0.wp.com\/itayachtscanada.com\/wp-content\/uploads\/2022\/11\/Capture-decran-le-2022-11-15-a-09.32.50.png?fit=300%2C210&#038;ssl=1\" data-large-file=\"https:\/\/i0.wp.com\/itayachtscanada.com\/wp-content\/uploads\/2022\/11\/Capture-decran-le-2022-11-15-a-09.32.50.png?fit=700%2C490&#038;ssl=1\" src=\"https:\/\/i0.wp.com\/itayachtscanada.com\/wp-content\/uploads\/2022\/11\/Capture-decran-le-2022-11-15-a-09.32.50.png?w=464&#038;h=325&#038;ssl=1\" srcset=\"https:\/\/i0.wp.com\/itayachtscanada.com\/wp-content\/uploads\/2022\/11\/Capture-decran-le-2022-11-15-a-09.32.50.png?w=1180&amp;ssl=1 1180w, https:\/\/i0.wp.com\/itayachtscanada.com\/wp-content\/uploads\/2022\/11\/Capture-decran-le-2022-11-15-a-09.32.50.png?resize=300%2C210&amp;ssl=1 300w, https:\/\/i0.wp.com\/itayachtscanada.com\/wp-content\/uploads\/2022\/11\/Capture-decran-le-2022-11-15-a-09.32.50.png?resize=1024%2C717&amp;ssl=1 1024w, https:\/\/i0.wp.com\/itayachtscanada.com\/wp-content\/uploads\/2022\/11\/Capture-decran-le-2022-11-15-a-09.32.50.png?resize=768%2C538&amp;ssl=1 768w, https:\/\/i0.wp.com\/itayachtscanada.com\/wp-content\/uploads\/2022\/11\/Capture-decran-le-2022-11-15-a-09.32.50.png?resize=700%2C490&amp;ssl=1 700w, https:\/\/i0.wp.com\/itayachtscanada.com\/wp-content\/uploads\/2022\/11\/Capture-decran-le-2022-11-15-a-09.32.50.png?resize=571%2C400&amp;ssl=1 571w\" width=\"464\" height=\"325\" loading=\"lazy\" data-original-width=\"464\" data-original-height=\"325\" itemprop=\"http:\/\/schema.org\/image\" title=\"Capture d\u2019\u00e9cran, le 2022-11-15 \u00e0 09.32.50\" alt=\"Capture d\u2019\u00e9cran, le 2022-11-15 \u00e0 09.32.50\" style=\"width: 464px; height: 325px;\" \/> <\/a> <\/div> <\/div> <!-- close group --> <\/div> <!-- close row --> <div class=\"gallery-row\" style=\"width: 700px; height: 330px;\" data-original-width=\"700\" data-original-height=\"330\" > <div class=\"gallery-group images-1\" style=\"width: 467px; height: 330px;\" data-original-width=\"467\" data-original-height=\"330\" > <div class=\"tiled-gallery-item tiled-gallery-item-large\" itemprop=\"associatedMedia\" itemscope itemtype=\"http:\/\/schema.org\/ImageObject\"> <a href=\"https:\/\/itayachtscanada.com\/fr\/listing\/arcadia-yacht-a85-2019-e4500000-euros-for-sale\/capture-decran-le-2022-11-15-a-09-33-10\/\" border=\"0\" itemprop=\"url\"> <meta itemprop=\"width\" content=\"463\"> <meta itemprop=\"height\" content=\"326\"> <img decoding=\"async\" class=\"\" data-attachment-id=\"85664\" data-orig-file=\"https:\/\/itayachtscanada.com\/wp-content\/uploads\/2022\/11\/Capture-decran-le-2022-11-15-a-09.33.10.png\" data-orig-size=\"1174,826\" data-comments-opened=\"1\" data-image-meta=\"{&quot;aperture&quot;:&quot;0&quot;,&quot;credit&quot;:&quot;&quot;,&quot;camera&quot;:&quot;&quot;,&quot;caption&quot;:&quot;&quot;,&quot;created_timestamp&quot;:&quot;0&quot;,&quot;copyright&quot;:&quot;&quot;,&quot;focal_length&quot;:&quot;0&quot;,&quot;iso&quot;:&quot;0&quot;,&quot;shutter_speed&quot;:&quot;0&quot;,&quot;title&quot;:&quot;&quot;,&quot;orientation&quot;:&quot;0&quot;}\" data-image-title=\"Capture d\u2019\u00e9cran, le 2022-11-15 \u00e0 09.33.10\" data-image-description=\"\" data-medium-file=\"https:\/\/i0.wp.com\/itayachtscanada.com\/wp-content\/uploads\/2022\/11\/Capture-decran-le-2022-11-15-a-09.33.10.png?fit=300%2C211&#038;ssl=1\" data-large-file=\"https:\/\/i0.wp.com\/itayachtscanada.com\/wp-content\/uploads\/2022\/11\/Capture-decran-le-2022-11-15-a-09.33.10.png?fit=700%2C492&#038;ssl=1\" src=\"https:\/\/i0.wp.com\/itayachtscanada.com\/wp-content\/uploads\/2022\/11\/Capture-decran-le-2022-11-15-a-09.33.10.png?w=463&#038;h=326&#038;ssl=1\" srcset=\"https:\/\/i0.wp.com\/itayachtscanada.com\/wp-content\/uploads\/2022\/11\/Capture-decran-le-2022-11-15-a-09.33.10.png?w=1174&amp;ssl=1 1174w, https:\/\/i0.wp.com\/itayachtscanada.com\/wp-content\/uploads\/2022\/11\/Capture-decran-le-2022-11-15-a-09.33.10.png?resize=300%2C211&amp;ssl=1 300w, https:\/\/i0.wp.com\/itayachtscanada.com\/wp-content\/uploads\/2022\/11\/Capture-decran-le-2022-11-15-a-09.33.10.png?resize=1024%2C720&amp;ssl=1 1024w, https:\/\/i0.wp.com\/itayachtscanada.com\/wp-content\/uploads\/2022\/11\/Capture-decran-le-2022-11-15-a-09.33.10.png?resize=768%2C540&amp;ssl=1 768w, https:\/\/i0.wp.com\/itayachtscanada.com\/wp-content\/uploads\/2022\/11\/Capture-decran-le-2022-11-15-a-09.33.10.png?resize=700%2C493&amp;ssl=1 700w, https:\/\/i0.wp.com\/itayachtscanada.com\/wp-content\/uploads\/2022\/11\/Capture-decran-le-2022-11-15-a-09.33.10.png?resize=569%2C400&amp;ssl=1 569w\" width=\"463\" height=\"326\" loading=\"lazy\" data-original-width=\"463\" data-original-height=\"326\" itemprop=\"http:\/\/schema.org\/image\" title=\"Capture d\u2019\u00e9cran, le 2022-11-15 \u00e0 09.33.10\" alt=\"Capture d\u2019\u00e9cran, le 2022-11-15 \u00e0 09.33.10\" style=\"width: 463px; height: 326px;\" \/> <\/a> <\/div> <\/div> <!-- close group --> <div class=\"gallery-group images-2\" style=\"width: 233px; height: 330px;\" data-original-width=\"233\" data-original-height=\"330\" > <div class=\"tiled-gallery-item tiled-gallery-item-small\" itemprop=\"associatedMedia\" itemscope itemtype=\"http:\/\/schema.org\/ImageObject\"> <a href=\"https:\/\/itayachtscanada.com\/fr\/listing\/arcadia-yacht-a85-2019-e4500000-euros-for-sale\/capture-decran-le-2022-11-15-a-09-32-40\/\" border=\"0\" itemprop=\"url\"> <meta itemprop=\"width\" content=\"229\"> <meta itemprop=\"height\" content=\"161\"> <img decoding=\"async\" class=\"\" data-attachment-id=\"85673\" data-orig-file=\"https:\/\/itayachtscanada.com\/wp-content\/uploads\/2022\/11\/Capture-decran-le-2022-11-15-a-09.32.40.png\" data-orig-size=\"1180,826\" data-comments-opened=\"1\" data-image-meta=\"{&quot;aperture&quot;:&quot;0&quot;,&quot;credit&quot;:&quot;&quot;,&quot;camera&quot;:&quot;&quot;,&quot;caption&quot;:&quot;&quot;,&quot;created_timestamp&quot;:&quot;0&quot;,&quot;copyright&quot;:&quot;&quot;,&quot;focal_length&quot;:&quot;0&quot;,&quot;iso&quot;:&quot;0&quot;,&quot;shutter_speed&quot;:&quot;0&quot;,&quot;title&quot;:&quot;&quot;,&quot;orientation&quot;:&quot;0&quot;}\" data-image-title=\"Capture d\u2019\u00e9cran, le 2022-11-15 \u00e0 09.32.40\" data-image-description=\"\" data-medium-file=\"https:\/\/i0.wp.com\/itayachtscanada.com\/wp-content\/uploads\/2022\/11\/Capture-decran-le-2022-11-15-a-09.32.40.png?fit=300%2C210&#038;ssl=1\" data-large-file=\"https:\/\/i0.wp.com\/itayachtscanada.com\/wp-content\/uploads\/2022\/11\/Capture-decran-le-2022-11-15-a-09.32.40.png?fit=700%2C490&#038;ssl=1\" src=\"https:\/\/i0.wp.com\/itayachtscanada.com\/wp-content\/uploads\/2022\/11\/Capture-decran-le-2022-11-15-a-09.32.40.png?w=229&#038;h=161&#038;ssl=1\" srcset=\"https:\/\/i0.wp.com\/itayachtscanada.com\/wp-content\/uploads\/2022\/11\/Capture-decran-le-2022-11-15-a-09.32.40.png?w=1180&amp;ssl=1 1180w, https:\/\/i0.wp.com\/itayachtscanada.com\/wp-content\/uploads\/2022\/11\/Capture-decran-le-2022-11-15-a-09.32.40.png?resize=300%2C210&amp;ssl=1 300w, https:\/\/i0.wp.com\/itayachtscanada.com\/wp-content\/uploads\/2022\/11\/Capture-decran-le-2022-11-15-a-09.32.40.png?resize=1024%2C717&amp;ssl=1 1024w, https:\/\/i0.wp.com\/itayachtscanada.com\/wp-content\/uploads\/2022\/11\/Capture-decran-le-2022-11-15-a-09.32.40.png?resize=768%2C538&amp;ssl=1 768w, https:\/\/i0.wp.com\/itayachtscanada.com\/wp-content\/uploads\/2022\/11\/Capture-decran-le-2022-11-15-a-09.32.40.png?resize=700%2C490&amp;ssl=1 700w, https:\/\/i0.wp.com\/itayachtscanada.com\/wp-content\/uploads\/2022\/11\/Capture-decran-le-2022-11-15-a-09.32.40.png?resize=571%2C400&amp;ssl=1 571w\" width=\"229\" height=\"161\" loading=\"lazy\" data-original-width=\"229\" data-original-height=\"161\" itemprop=\"http:\/\/schema.org\/image\" title=\"Capture d\u2019\u00e9cran, le 2022-11-15 \u00e0 09.32.40\" alt=\"Capture d\u2019\u00e9cran, le 2022-11-15 \u00e0 09.32.40\" style=\"width: 229px; height: 161px;\" \/> <\/a> <\/div> <div class=\"tiled-gallery-item tiled-gallery-item-small\" itemprop=\"associatedMedia\" itemscope itemtype=\"http:\/\/schema.org\/ImageObject\"> <a href=\"https:\/\/itayachtscanada.com\/fr\/listing\/arcadia-yacht-a85-2019-e4500000-euros-for-sale\/capture-decran-le-2022-11-15-a-09-33-06\/\" border=\"0\" itemprop=\"url\"> <meta itemprop=\"width\" content=\"229\"> <meta itemprop=\"height\" content=\"161\"> <img decoding=\"async\" class=\"\" data-attachment-id=\"85665\" data-orig-file=\"https:\/\/itayachtscanada.com\/wp-content\/uploads\/2022\/11\/Capture-decran-le-2022-11-15-a-09.33.06.png\" data-orig-size=\"1174,826\" data-comments-opened=\"1\" data-image-meta=\"{&quot;aperture&quot;:&quot;0&quot;,&quot;credit&quot;:&quot;&quot;,&quot;camera&quot;:&quot;&quot;,&quot;caption&quot;:&quot;&quot;,&quot;created_timestamp&quot;:&quot;0&quot;,&quot;copyright&quot;:&quot;&quot;,&quot;focal_length&quot;:&quot;0&quot;,&quot;iso&quot;:&quot;0&quot;,&quot;shutter_speed&quot;:&quot;0&quot;,&quot;title&quot;:&quot;&quot;,&quot;orientation&quot;:&quot;0&quot;}\" data-image-title=\"Capture d\u2019\u00e9cran, le 2022-11-15 \u00e0 09.33.06\" data-image-description=\"\" data-medium-file=\"https:\/\/i0.wp.com\/itayachtscanada.com\/wp-content\/uploads\/2022\/11\/Capture-decran-le-2022-11-15-a-09.33.06.png?fit=300%2C211&#038;ssl=1\" data-large-file=\"https:\/\/i0.wp.com\/itayachtscanada.com\/wp-content\/uploads\/2022\/11\/Capture-decran-le-2022-11-15-a-09.33.06.png?fit=700%2C492&#038;ssl=1\" src=\"https:\/\/i0.wp.com\/itayachtscanada.com\/wp-content\/uploads\/2022\/11\/Capture-decran-le-2022-11-15-a-09.33.06.png?w=229&#038;h=161&#038;ssl=1\" srcset=\"https:\/\/i0.wp.com\/itayachtscanada.com\/wp-content\/uploads\/2022\/11\/Capture-decran-le-2022-11-15-a-09.33.06.png?w=1174&amp;ssl=1 1174w, https:\/\/i0.wp.com\/itayachtscanada.com\/wp-content\/uploads\/2022\/11\/Capture-decran-le-2022-11-15-a-09.33.06.png?resize=300%2C211&amp;ssl=1 300w, https:\/\/i0.wp.com\/itayachtscanada.com\/wp-content\/uploads\/2022\/11\/Capture-decran-le-2022-11-15-a-09.33.06.png?resize=1024%2C720&amp;ssl=1 1024w, https:\/\/i0.wp.com\/itayachtscanada.com\/wp-content\/uploads\/2022\/11\/Capture-decran-le-2022-11-15-a-09.33.06.png?resize=768%2C540&amp;ssl=1 768w, https:\/\/i0.wp.com\/itayachtscanada.com\/wp-content\/uploads\/2022\/11\/Capture-decran-le-2022-11-15-a-09.33.06.png?resize=700%2C493&amp;ssl=1 700w, https:\/\/i0.wp.com\/itayachtscanada.com\/wp-content\/uploads\/2022\/11\/Capture-decran-le-2022-11-15-a-09.33.06.png?resize=569%2C400&amp;ssl=1 569w\" width=\"229\" height=\"161\" loading=\"lazy\" data-original-width=\"229\" data-original-height=\"161\" itemprop=\"http:\/\/schema.org\/image\" title=\"Capture d\u2019\u00e9cran, le 2022-11-15 \u00e0 09.33.06\" alt=\"Capture d\u2019\u00e9cran, le 2022-11-15 \u00e0 09.33.06\" style=\"width: 229px; height: 161px;\" \/> <\/a> <\/div> <\/div> <!-- close group --> <\/div> <!-- close row --> <div class=\"gallery-row\" style=\"width: 700px; height: 247px;\" data-original-width=\"700\" data-original-height=\"247\" > <div class=\"gallery-group images-1\" style=\"width: 349px; height: 247px;\" data-original-width=\"349\" data-original-height=\"247\" > <div class=\"tiled-gallery-item tiled-gallery-item-large\" itemprop=\"associatedMedia\" itemscope itemtype=\"http:\/\/schema.org\/ImageObject\"> <a href=\"https:\/\/itayachtscanada.com\/fr\/listing\/arcadia-yacht-a85-2019-e4500000-euros-for-sale\/capture-decran-le-2022-11-15-a-09-33-03\/\" border=\"0\" itemprop=\"url\"> <meta itemprop=\"width\" content=\"345\"> <meta itemprop=\"height\" content=\"243\"> <img decoding=\"async\" class=\"\" data-attachment-id=\"85666\" data-orig-file=\"https:\/\/itayachtscanada.com\/wp-content\/uploads\/2022\/11\/Capture-decran-le-2022-11-15-a-09.33.03.png\" data-orig-size=\"1174,826\" data-comments-opened=\"1\" data-image-meta=\"{&quot;aperture&quot;:&quot;0&quot;,&quot;credit&quot;:&quot;&quot;,&quot;camera&quot;:&quot;&quot;,&quot;caption&quot;:&quot;&quot;,&quot;created_timestamp&quot;:&quot;0&quot;,&quot;copyright&quot;:&quot;&quot;,&quot;focal_length&quot;:&quot;0&quot;,&quot;iso&quot;:&quot;0&quot;,&quot;shutter_speed&quot;:&quot;0&quot;,&quot;title&quot;:&quot;&quot;,&quot;orientation&quot;:&quot;0&quot;}\" data-image-title=\"Capture d\u2019\u00e9cran, le 2022-11-15 \u00e0 09.33.03\" data-image-description=\"\" data-medium-file=\"https:\/\/i0.wp.com\/itayachtscanada.com\/wp-content\/uploads\/2022\/11\/Capture-decran-le-2022-11-15-a-09.33.03.png?fit=300%2C211&#038;ssl=1\" data-large-file=\"https:\/\/i0.wp.com\/itayachtscanada.com\/wp-content\/uploads\/2022\/11\/Capture-decran-le-2022-11-15-a-09.33.03.png?fit=700%2C492&#038;ssl=1\" src=\"https:\/\/i0.wp.com\/itayachtscanada.com\/wp-content\/uploads\/2022\/11\/Capture-decran-le-2022-11-15-a-09.33.03.png?w=345&#038;h=243&#038;ssl=1\" srcset=\"https:\/\/i0.wp.com\/itayachtscanada.com\/wp-content\/uploads\/2022\/11\/Capture-decran-le-2022-11-15-a-09.33.03.png?w=1174&amp;ssl=1 1174w, https:\/\/i0.wp.com\/itayachtscanada.com\/wp-content\/uploads\/2022\/11\/Capture-decran-le-2022-11-15-a-09.33.03.png?resize=300%2C211&amp;ssl=1 300w, https:\/\/i0.wp.com\/itayachtscanada.com\/wp-content\/uploads\/2022\/11\/Capture-decran-le-2022-11-15-a-09.33.03.png?resize=1024%2C720&amp;ssl=1 1024w, https:\/\/i0.wp.com\/itayachtscanada.com\/wp-content\/uploads\/2022\/11\/Capture-decran-le-2022-11-15-a-09.33.03.png?resize=768%2C540&amp;ssl=1 768w, https:\/\/i0.wp.com\/itayachtscanada.com\/wp-content\/uploads\/2022\/11\/Capture-decran-le-2022-11-15-a-09.33.03.png?resize=700%2C493&amp;ssl=1 700w, https:\/\/i0.wp.com\/itayachtscanada.com\/wp-content\/uploads\/2022\/11\/Capture-decran-le-2022-11-15-a-09.33.03.png?resize=569%2C400&amp;ssl=1 569w\" width=\"345\" height=\"243\" loading=\"lazy\" data-original-width=\"345\" data-original-height=\"243\" itemprop=\"http:\/\/schema.org\/image\" title=\"Capture d\u2019\u00e9cran, le 2022-11-15 \u00e0 09.33.03\" alt=\"Capture d\u2019\u00e9cran, le 2022-11-15 \u00e0 09.33.03\" style=\"width: 345px; height: 243px;\" \/> <\/a> <\/div> <\/div> <!-- close group --> <div class=\"gallery-group images-1\" style=\"width: 351px; height: 247px;\" data-original-width=\"351\" data-original-height=\"247\" > <div class=\"tiled-gallery-item tiled-gallery-item-large\" itemprop=\"associatedMedia\" itemscope itemtype=\"http:\/\/schema.org\/ImageObject\"> <a href=\"https:\/\/itayachtscanada.com\/fr\/listing\/arcadia-yacht-a85-2019-e4500000-euros-for-sale\/capture-decran-le-2022-11-15-a-09-35-30\/\" border=\"0\" itemprop=\"url\"> <meta itemprop=\"width\" content=\"347\"> <meta itemprop=\"height\" content=\"243\"> <img decoding=\"async\" class=\"\" data-attachment-id=\"85636\" data-orig-file=\"https:\/\/itayachtscanada.com\/wp-content\/uploads\/2022\/11\/Capture-decran-le-2022-11-15-a-09.35.30.png\" data-orig-size=\"1164,816\" data-comments-opened=\"1\" data-image-meta=\"{&quot;aperture&quot;:&quot;0&quot;,&quot;credit&quot;:&quot;&quot;,&quot;camera&quot;:&quot;&quot;,&quot;caption&quot;:&quot;&quot;,&quot;created_timestamp&quot;:&quot;0&quot;,&quot;copyright&quot;:&quot;&quot;,&quot;focal_length&quot;:&quot;0&quot;,&quot;iso&quot;:&quot;0&quot;,&quot;shutter_speed&quot;:&quot;0&quot;,&quot;title&quot;:&quot;&quot;,&quot;orientation&quot;:&quot;0&quot;}\" data-image-title=\"Capture d\u2019\u00e9cran, le 2022-11-15 \u00e0 09.35.30\" data-image-description=\"\" data-medium-file=\"https:\/\/i0.wp.com\/itayachtscanada.com\/wp-content\/uploads\/2022\/11\/Capture-decran-le-2022-11-15-a-09.35.30.png?fit=300%2C210&#038;ssl=1\" data-large-file=\"https:\/\/i0.wp.com\/itayachtscanada.com\/wp-content\/uploads\/2022\/11\/Capture-decran-le-2022-11-15-a-09.35.30.png?fit=700%2C491&#038;ssl=1\" src=\"https:\/\/i0.wp.com\/itayachtscanada.com\/wp-content\/uploads\/2022\/11\/Capture-decran-le-2022-11-15-a-09.35.30.png?w=347&#038;h=243&#038;ssl=1\" srcset=\"https:\/\/i0.wp.com\/itayachtscanada.com\/wp-content\/uploads\/2022\/11\/Capture-decran-le-2022-11-15-a-09.35.30.png?w=1164&amp;ssl=1 1164w, https:\/\/i0.wp.com\/itayachtscanada.com\/wp-content\/uploads\/2022\/11\/Capture-decran-le-2022-11-15-a-09.35.30.png?resize=300%2C210&amp;ssl=1 300w, https:\/\/i0.wp.com\/itayachtscanada.com\/wp-content\/uploads\/2022\/11\/Capture-decran-le-2022-11-15-a-09.35.30.png?resize=1024%2C718&amp;ssl=1 1024w, https:\/\/i0.wp.com\/itayachtscanada.com\/wp-content\/uploads\/2022\/11\/Capture-decran-le-2022-11-15-a-09.35.30.png?resize=768%2C538&amp;ssl=1 768w, https:\/\/i0.wp.com\/itayachtscanada.com\/wp-content\/uploads\/2022\/11\/Capture-decran-le-2022-11-15-a-09.35.30.png?resize=700%2C491&amp;ssl=1 700w, https:\/\/i0.wp.com\/itayachtscanada.com\/wp-content\/uploads\/2022\/11\/Capture-decran-le-2022-11-15-a-09.35.30.png?resize=571%2C400&amp;ssl=1 571w\" width=\"347\" height=\"243\" loading=\"lazy\" data-original-width=\"347\" data-original-height=\"243\" itemprop=\"http:\/\/schema.org\/image\" title=\"Capture d\u2019\u00e9cran, le 2022-11-15 \u00e0 09.35.30\" alt=\"Capture d\u2019\u00e9cran, le 2022-11-15 \u00e0 09.35.30\" style=\"width: 347px; height: 243px;\" \/> <\/a> <\/div> <\/div> <!-- close group --> <\/div> <!-- close row --> <div class=\"gallery-row\" style=\"width: 700px; height: 165px;\" data-original-width=\"700\" data-original-height=\"165\" > <div class=\"gallery-group images-1\" style=\"width: 234px; height: 165px;\" data-original-width=\"234\" data-original-height=\"165\" > <div class=\"tiled-gallery-item tiled-gallery-item-small\" itemprop=\"associatedMedia\" itemscope itemtype=\"http:\/\/schema.org\/ImageObject\"> <a href=\"https:\/\/itayachtscanada.com\/fr\/listing\/arcadia-yacht-a85-2019-e4500000-euros-for-sale\/capture-decran-le-2022-11-15-a-09-32-38\/\" border=\"0\" itemprop=\"url\"> <meta itemprop=\"width\" content=\"230\"> <meta itemprop=\"height\" content=\"161\"> <img decoding=\"async\" class=\"\" data-attachment-id=\"85674\" data-orig-file=\"https:\/\/itayachtscanada.com\/wp-content\/uploads\/2022\/11\/Capture-decran-le-2022-11-15-a-09.32.38.png\" data-orig-size=\"1180,826\" data-comments-opened=\"1\" data-image-meta=\"{&quot;aperture&quot;:&quot;0&quot;,&quot;credit&quot;:&quot;&quot;,&quot;camera&quot;:&quot;&quot;,&quot;caption&quot;:&quot;&quot;,&quot;created_timestamp&quot;:&quot;0&quot;,&quot;copyright&quot;:&quot;&quot;,&quot;focal_length&quot;:&quot;0&quot;,&quot;iso&quot;:&quot;0&quot;,&quot;shutter_speed&quot;:&quot;0&quot;,&quot;title&quot;:&quot;&quot;,&quot;orientation&quot;:&quot;0&quot;}\" data-image-title=\"Capture d\u2019\u00e9cran, le 2022-11-15 \u00e0 09.32.38\" data-image-description=\"\" data-medium-file=\"https:\/\/i0.wp.com\/itayachtscanada.com\/wp-content\/uploads\/2022\/11\/Capture-decran-le-2022-11-15-a-09.32.38.png?fit=300%2C210&#038;ssl=1\" data-large-file=\"https:\/\/i0.wp.com\/itayachtscanada.com\/wp-content\/uploads\/2022\/11\/Capture-decran-le-2022-11-15-a-09.32.38.png?fit=700%2C490&#038;ssl=1\" src=\"https:\/\/i0.wp.com\/itayachtscanada.com\/wp-content\/uploads\/2022\/11\/Capture-decran-le-2022-11-15-a-09.32.38.png?w=230&#038;h=161&#038;ssl=1\" srcset=\"https:\/\/i0.wp.com\/itayachtscanada.com\/wp-content\/uploads\/2022\/11\/Capture-decran-le-2022-11-15-a-09.32.38.png?w=1180&amp;ssl=1 1180w, https:\/\/i0.wp.com\/itayachtscanada.com\/wp-content\/uploads\/2022\/11\/Capture-decran-le-2022-11-15-a-09.32.38.png?resize=300%2C210&amp;ssl=1 300w, https:\/\/i0.wp.com\/itayachtscanada.com\/wp-content\/uploads\/2022\/11\/Capture-decran-le-2022-11-15-a-09.32.38.png?resize=1024%2C717&amp;ssl=1 1024w, https:\/\/i0.wp.com\/itayachtscanada.com\/wp-content\/uploads\/2022\/11\/Capture-decran-le-2022-11-15-a-09.32.38.png?resize=768%2C538&amp;ssl=1 768w, https:\/\/i0.wp.com\/itayachtscanada.com\/wp-content\/uploads\/2022\/11\/Capture-decran-le-2022-11-15-a-09.32.38.png?resize=700%2C490&amp;ssl=1 700w, https:\/\/i0.wp.com\/itayachtscanada.com\/wp-content\/uploads\/2022\/11\/Capture-decran-le-2022-11-15-a-09.32.38.png?resize=571%2C400&amp;ssl=1 571w\" width=\"230\" height=\"161\" loading=\"lazy\" data-original-width=\"230\" data-original-height=\"161\" itemprop=\"http:\/\/schema.org\/image\" title=\"Capture d\u2019\u00e9cran, le 2022-11-15 \u00e0 09.32.38\" alt=\"Capture d\u2019\u00e9cran, le 2022-11-15 \u00e0 09.32.38\" style=\"width: 230px; height: 161px;\" \/> <\/a> <\/div> <\/div> <!-- close group --> <div class=\"gallery-group images-1\" style=\"width: 233px; height: 165px;\" data-original-width=\"233\" data-original-height=\"165\" > <div class=\"tiled-gallery-item tiled-gallery-item-small\" itemprop=\"associatedMedia\" itemscope itemtype=\"http:\/\/schema.org\/ImageObject\"> <a href=\"https:\/\/itayachtscanada.com\/fr\/listing\/arcadia-yacht-a85-2019-e4500000-euros-for-sale\/capture-decran-le-2022-11-15-a-09-32-34\/\" border=\"0\" itemprop=\"url\"> <meta itemprop=\"width\" content=\"229\"> <meta itemprop=\"height\" content=\"161\"> <img decoding=\"async\" class=\"\" data-attachment-id=\"85675\" data-orig-file=\"https:\/\/itayachtscanada.com\/wp-content\/uploads\/2022\/11\/Capture-decran-le-2022-11-15-a-09.32.34.png\" data-orig-size=\"1180,826\" data-comments-opened=\"1\" data-image-meta=\"{&quot;aperture&quot;:&quot;0&quot;,&quot;credit&quot;:&quot;&quot;,&quot;camera&quot;:&quot;&quot;,&quot;caption&quot;:&quot;&quot;,&quot;created_timestamp&quot;:&quot;0&quot;,&quot;copyright&quot;:&quot;&quot;,&quot;focal_length&quot;:&quot;0&quot;,&quot;iso&quot;:&quot;0&quot;,&quot;shutter_speed&quot;:&quot;0&quot;,&quot;title&quot;:&quot;&quot;,&quot;orientation&quot;:&quot;0&quot;}\" data-image-title=\"Capture d\u2019\u00e9cran, le 2022-11-15 \u00e0 09.32.34\" data-image-description=\"\" data-medium-file=\"https:\/\/i0.wp.com\/itayachtscanada.com\/wp-content\/uploads\/2022\/11\/Capture-decran-le-2022-11-15-a-09.32.34.png?fit=300%2C210&#038;ssl=1\" data-large-file=\"https:\/\/i0.wp.com\/itayachtscanada.com\/wp-content\/uploads\/2022\/11\/Capture-decran-le-2022-11-15-a-09.32.34.png?fit=700%2C490&#038;ssl=1\" src=\"https:\/\/i0.wp.com\/itayachtscanada.com\/wp-content\/uploads\/2022\/11\/Capture-decran-le-2022-11-15-a-09.32.34.png?w=229&#038;h=161&#038;ssl=1\" srcset=\"https:\/\/i0.wp.com\/itayachtscanada.com\/wp-content\/uploads\/2022\/11\/Capture-decran-le-2022-11-15-a-09.32.34.png?w=1180&amp;ssl=1 1180w, https:\/\/i0.wp.com\/itayachtscanada.com\/wp-content\/uploads\/2022\/11\/Capture-decran-le-2022-11-15-a-09.32.34.png?resize=300%2C210&amp;ssl=1 300w, https:\/\/i0.wp.com\/itayachtscanada.com\/wp-content\/uploads\/2022\/11\/Capture-decran-le-2022-11-15-a-09.32.34.png?resize=1024%2C717&amp;ssl=1 1024w, https:\/\/i0.wp.com\/itayachtscanada.com\/wp-content\/uploads\/2022\/11\/Capture-decran-le-2022-11-15-a-09.32.34.png?resize=768%2C538&amp;ssl=1 768w, https:\/\/i0.wp.com\/itayachtscanada.com\/wp-content\/uploads\/2022\/11\/Capture-decran-le-2022-11-15-a-09.32.34.png?resize=700%2C490&amp;ssl=1 700w, https:\/\/i0.wp.com\/itayachtscanada.com\/wp-content\/uploads\/2022\/11\/Capture-decran-le-2022-11-15-a-09.32.34.png?resize=571%2C400&amp;ssl=1 571w\" width=\"229\" height=\"161\" loading=\"lazy\" data-original-width=\"229\" data-original-height=\"161\" itemprop=\"http:\/\/schema.org\/image\" title=\"Capture d\u2019\u00e9cran, le 2022-11-15 \u00e0 09.32.34\" alt=\"Capture d\u2019\u00e9cran, le 2022-11-15 \u00e0 09.32.34\" style=\"width: 229px; height: 161px;\" \/> <\/a> <\/div> <\/div> <!-- close group --> <div class=\"gallery-group images-1\" style=\"width: 233px; height: 165px;\" data-original-width=\"233\" data-original-height=\"165\" > <div class=\"tiled-gallery-item tiled-gallery-item-small\" itemprop=\"associatedMedia\" itemscope itemtype=\"http:\/\/schema.org\/ImageObject\"> <a href=\"https:\/\/itayachtscanada.com\/fr\/listing\/arcadia-yacht-a85-2019-e4500000-euros-for-sale\/capture-decran-le-2022-11-15-a-09-32-31\/\" border=\"0\" itemprop=\"url\"> <meta itemprop=\"width\" content=\"229\"> <meta itemprop=\"height\" content=\"161\"> <img decoding=\"async\" class=\"\" data-attachment-id=\"85676\" data-orig-file=\"https:\/\/itayachtscanada.com\/wp-content\/uploads\/2022\/11\/Capture-decran-le-2022-11-15-a-09.32.31.png\" data-orig-size=\"1180,826\" data-comments-opened=\"1\" data-image-meta=\"{&quot;aperture&quot;:&quot;0&quot;,&quot;credit&quot;:&quot;&quot;,&quot;camera&quot;:&quot;&quot;,&quot;caption&quot;:&quot;&quot;,&quot;created_timestamp&quot;:&quot;0&quot;,&quot;copyright&quot;:&quot;&quot;,&quot;focal_length&quot;:&quot;0&quot;,&quot;iso&quot;:&quot;0&quot;,&quot;shutter_speed&quot;:&quot;0&quot;,&quot;title&quot;:&quot;&quot;,&quot;orientation&quot;:&quot;0&quot;}\" data-image-title=\"Capture d\u2019\u00e9cran, le 2022-11-15 \u00e0 09.32.31\" data-image-description=\"\" data-medium-file=\"https:\/\/i0.wp.com\/itayachtscanada.com\/wp-content\/uploads\/2022\/11\/Capture-decran-le-2022-11-15-a-09.32.31.png?fit=300%2C210&#038;ssl=1\" data-large-file=\"https:\/\/i0.wp.com\/itayachtscanada.com\/wp-content\/uploads\/2022\/11\/Capture-decran-le-2022-11-15-a-09.32.31.png?fit=700%2C490&#038;ssl=1\" src=\"https:\/\/i0.wp.com\/itayachtscanada.com\/wp-content\/uploads\/2022\/11\/Capture-decran-le-2022-11-15-a-09.32.31.png?w=229&#038;h=161&#038;ssl=1\" srcset=\"https:\/\/i0.wp.com\/itayachtscanada.com\/wp-content\/uploads\/2022\/11\/Capture-decran-le-2022-11-15-a-09.32.31.png?w=1180&amp;ssl=1 1180w, https:\/\/i0.wp.com\/itayachtscanada.com\/wp-content\/uploads\/2022\/11\/Capture-decran-le-2022-11-15-a-09.32.31.png?resize=300%2C210&amp;ssl=1 300w, https:\/\/i0.wp.com\/itayachtscanada.com\/wp-content\/uploads\/2022\/11\/Capture-decran-le-2022-11-15-a-09.32.31.png?resize=1024%2C717&amp;ssl=1 1024w, https:\/\/i0.wp.com\/itayachtscanada.com\/wp-content\/uploads\/2022\/11\/Capture-decran-le-2022-11-15-a-09.32.31.png?resize=768%2C538&amp;ssl=1 768w, https:\/\/i0.wp.com\/itayachtscanada.com\/wp-content\/uploads\/2022\/11\/Capture-decran-le-2022-11-15-a-09.32.31.png?resize=700%2C490&amp;ssl=1 700w, https:\/\/i0.wp.com\/itayachtscanada.com\/wp-content\/uploads\/2022\/11\/Capture-decran-le-2022-11-15-a-09.32.31.png?resize=571%2C400&amp;ssl=1 571w\" width=\"229\" height=\"161\" loading=\"lazy\" data-original-width=\"229\" data-original-height=\"161\" itemprop=\"http:\/\/schema.org\/image\" title=\"Capture d\u2019\u00e9cran, le 2022-11-15 \u00e0 09.32.31\" alt=\"Capture d\u2019\u00e9cran, le 2022-11-15 \u00e0 09.32.31\" style=\"width: 229px; height: 161px;\" \/> <\/a> <\/div> <\/div> <!-- close group --> <\/div> <!-- close row --> <div class=\"gallery-row\" style=\"width: 700px; height: 328px;\" data-original-width=\"700\" data-original-height=\"328\" > <div class=\"gallery-group images-2\" style=\"width: 233px; height: 328px;\" data-original-width=\"233\" data-original-height=\"328\" > <div class=\"tiled-gallery-item tiled-gallery-item-small\" itemprop=\"associatedMedia\" itemscope itemtype=\"http:\/\/schema.org\/ImageObject\"> <a href=\"https:\/\/itayachtscanada.com\/fr\/listing\/arcadia-yacht-a85-2019-e4500000-euros-for-sale\/capture-decran-le-2022-11-15-a-09-32-28\/\" border=\"0\" itemprop=\"url\"> <meta itemprop=\"width\" content=\"229\"> <meta itemprop=\"height\" content=\"160\"> <img decoding=\"async\" class=\"\" data-attachment-id=\"85677\" data-orig-file=\"https:\/\/itayachtscanada.com\/wp-content\/uploads\/2022\/11\/Capture-decran-le-2022-11-15-a-09.32.28.png\" data-orig-size=\"1180,826\" data-comments-opened=\"1\" data-image-meta=\"{&quot;aperture&quot;:&quot;0&quot;,&quot;credit&quot;:&quot;&quot;,&quot;camera&quot;:&quot;&quot;,&quot;caption&quot;:&quot;&quot;,&quot;created_timestamp&quot;:&quot;0&quot;,&quot;copyright&quot;:&quot;&quot;,&quot;focal_length&quot;:&quot;0&quot;,&quot;iso&quot;:&quot;0&quot;,&quot;shutter_speed&quot;:&quot;0&quot;,&quot;title&quot;:&quot;&quot;,&quot;orientation&quot;:&quot;0&quot;}\" data-image-title=\"Capture d\u2019\u00e9cran, le 2022-11-15 \u00e0 09.32.28\" data-image-description=\"\" data-medium-file=\"https:\/\/i0.wp.com\/itayachtscanada.com\/wp-content\/uploads\/2022\/11\/Capture-decran-le-2022-11-15-a-09.32.28.png?fit=300%2C210&#038;ssl=1\" data-large-file=\"https:\/\/i0.wp.com\/itayachtscanada.com\/wp-content\/uploads\/2022\/11\/Capture-decran-le-2022-11-15-a-09.32.28.png?fit=700%2C490&#038;ssl=1\" src=\"https:\/\/i0.wp.com\/itayachtscanada.com\/wp-content\/uploads\/2022\/11\/Capture-decran-le-2022-11-15-a-09.32.28.png?w=229&#038;h=160&#038;ssl=1\" srcset=\"https:\/\/i0.wp.com\/itayachtscanada.com\/wp-content\/uploads\/2022\/11\/Capture-decran-le-2022-11-15-a-09.32.28.png?w=1180&amp;ssl=1 1180w, https:\/\/i0.wp.com\/itayachtscanada.com\/wp-content\/uploads\/2022\/11\/Capture-decran-le-2022-11-15-a-09.32.28.png?resize=300%2C210&amp;ssl=1 300w, https:\/\/i0.wp.com\/itayachtscanada.com\/wp-content\/uploads\/2022\/11\/Capture-decran-le-2022-11-15-a-09.32.28.png?resize=1024%2C717&amp;ssl=1 1024w, https:\/\/i0.wp.com\/itayachtscanada.com\/wp-content\/uploads\/2022\/11\/Capture-decran-le-2022-11-15-a-09.32.28.png?resize=768%2C538&amp;ssl=1 768w, https:\/\/i0.wp.com\/itayachtscanada.com\/wp-content\/uploads\/2022\/11\/Capture-decran-le-2022-11-15-a-09.32.28.png?resize=700%2C490&amp;ssl=1 700w, https:\/\/i0.wp.com\/itayachtscanada.com\/wp-content\/uploads\/2022\/11\/Capture-decran-le-2022-11-15-a-09.32.28.png?resize=571%2C400&amp;ssl=1 571w\" width=\"229\" height=\"160\" loading=\"lazy\" data-original-width=\"229\" data-original-height=\"160\" itemprop=\"http:\/\/schema.org\/image\" title=\"Capture d\u2019\u00e9cran, le 2022-11-15 \u00e0 09.32.28\" alt=\"Capture d\u2019\u00e9cran, le 2022-11-15 \u00e0 09.32.28\" style=\"width: 229px; height: 160px;\" \/> <\/a> <\/div> <div class=\"tiled-gallery-item tiled-gallery-item-small\" itemprop=\"associatedMedia\" itemscope itemtype=\"http:\/\/schema.org\/ImageObject\"> <a href=\"https:\/\/itayachtscanada.com\/fr\/listing\/arcadia-yacht-a85-2019-e4500000-euros-for-sale\/capture-decran-le-2022-11-15-a-09-32-26\/\" border=\"0\" itemprop=\"url\"> <meta itemprop=\"width\" content=\"229\"> <meta itemprop=\"height\" content=\"160\"> <img decoding=\"async\" class=\"\" data-attachment-id=\"85678\" data-orig-file=\"https:\/\/itayachtscanada.com\/wp-content\/uploads\/2022\/11\/Capture-decran-le-2022-11-15-a-09.32.26.png\" data-orig-size=\"1180,826\" data-comments-opened=\"1\" data-image-meta=\"{&quot;aperture&quot;:&quot;0&quot;,&quot;credit&quot;:&quot;&quot;,&quot;camera&quot;:&quot;&quot;,&quot;caption&quot;:&quot;&quot;,&quot;created_timestamp&quot;:&quot;0&quot;,&quot;copyright&quot;:&quot;&quot;,&quot;focal_length&quot;:&quot;0&quot;,&quot;iso&quot;:&quot;0&quot;,&quot;shutter_speed&quot;:&quot;0&quot;,&quot;title&quot;:&quot;&quot;,&quot;orientation&quot;:&quot;0&quot;}\" data-image-title=\"Capture d\u2019\u00e9cran, le 2022-11-15 \u00e0 09.32.26\" data-image-description=\"\" data-medium-file=\"https:\/\/i0.wp.com\/itayachtscanada.com\/wp-content\/uploads\/2022\/11\/Capture-decran-le-2022-11-15-a-09.32.26.png?fit=300%2C210&#038;ssl=1\" data-large-file=\"https:\/\/i0.wp.com\/itayachtscanada.com\/wp-content\/uploads\/2022\/11\/Capture-decran-le-2022-11-15-a-09.32.26.png?fit=700%2C490&#038;ssl=1\" src=\"https:\/\/i0.wp.com\/itayachtscanada.com\/wp-content\/uploads\/2022\/11\/Capture-decran-le-2022-11-15-a-09.32.26.png?w=229&#038;h=160&#038;ssl=1\" srcset=\"https:\/\/i0.wp.com\/itayachtscanada.com\/wp-content\/uploads\/2022\/11\/Capture-decran-le-2022-11-15-a-09.32.26.png?w=1180&amp;ssl=1 1180w, https:\/\/i0.wp.com\/itayachtscanada.com\/wp-content\/uploads\/2022\/11\/Capture-decran-le-2022-11-15-a-09.32.26.png?resize=300%2C210&amp;ssl=1 300w, https:\/\/i0.wp.com\/itayachtscanada.com\/wp-content\/uploads\/2022\/11\/Capture-decran-le-2022-11-15-a-09.32.26.png?resize=1024%2C717&amp;ssl=1 1024w, https:\/\/i0.wp.com\/itayachtscanada.com\/wp-content\/uploads\/2022\/11\/Capture-decran-le-2022-11-15-a-09.32.26.png?resize=768%2C538&amp;ssl=1 768w, https:\/\/i0.wp.com\/itayachtscanada.com\/wp-content\/uploads\/2022\/11\/Capture-decran-le-2022-11-15-a-09.32.26.png?resize=700%2C490&amp;ssl=1 700w, https:\/\/i0.wp.com\/itayachtscanada.com\/wp-content\/uploads\/2022\/11\/Capture-decran-le-2022-11-15-a-09.32.26.png?resize=571%2C400&amp;ssl=1 571w\" width=\"229\" height=\"160\" loading=\"lazy\" data-original-width=\"229\" data-original-height=\"160\" itemprop=\"http:\/\/schema.org\/image\" title=\"Capture d\u2019\u00e9cran, le 2022-11-15 \u00e0 09.32.26\" alt=\"Capture d\u2019\u00e9cran, le 2022-11-15 \u00e0 09.32.26\" style=\"width: 229px; height: 160px;\" \/> <\/a> <\/div> <\/div> <!-- close group --> <div class=\"gallery-group images-1\" style=\"width: 467px; height: 328px;\" data-original-width=\"467\" data-original-height=\"328\" > <div class=\"tiled-gallery-item tiled-gallery-item-large\" itemprop=\"associatedMedia\" itemscope itemtype=\"http:\/\/schema.org\/ImageObject\"> <a href=\"https:\/\/itayachtscanada.com\/fr\/listing\/arcadia-yacht-a85-2019-e4500000-euros-for-sale\/capture-decran-le-2022-11-15-a-09-32-23\/\" border=\"0\" itemprop=\"url\"> <meta itemprop=\"width\" content=\"463\"> <meta itemprop=\"height\" content=\"324\"> <img decoding=\"async\" class=\"\" data-attachment-id=\"85679\" data-orig-file=\"https:\/\/itayachtscanada.com\/wp-content\/uploads\/2022\/11\/Capture-decran-le-2022-11-15-a-09.32.23.png\" data-orig-size=\"1180,826\" data-comments-opened=\"1\" data-image-meta=\"{&quot;aperture&quot;:&quot;0&quot;,&quot;credit&quot;:&quot;&quot;,&quot;camera&quot;:&quot;&quot;,&quot;caption&quot;:&quot;&quot;,&quot;created_timestamp&quot;:&quot;0&quot;,&quot;copyright&quot;:&quot;&quot;,&quot;focal_length&quot;:&quot;0&quot;,&quot;iso&quot;:&quot;0&quot;,&quot;shutter_speed&quot;:&quot;0&quot;,&quot;title&quot;:&quot;&quot;,&quot;orientation&quot;:&quot;0&quot;}\" data-image-title=\"Capture d\u2019\u00e9cran, le 2022-11-15 \u00e0 09.32.23\" data-image-description=\"\" data-medium-file=\"https:\/\/i0.wp.com\/itayachtscanada.com\/wp-content\/uploads\/2022\/11\/Capture-decran-le-2022-11-15-a-09.32.23.png?fit=300%2C210&#038;ssl=1\" data-large-file=\"https:\/\/i0.wp.com\/itayachtscanada.com\/wp-content\/uploads\/2022\/11\/Capture-decran-le-2022-11-15-a-09.32.23.png?fit=700%2C490&#038;ssl=1\" src=\"https:\/\/i0.wp.com\/itayachtscanada.com\/wp-content\/uploads\/2022\/11\/Capture-decran-le-2022-11-15-a-09.32.23.png?w=463&#038;h=324&#038;ssl=1\" srcset=\"https:\/\/i0.wp.com\/itayachtscanada.com\/wp-content\/uploads\/2022\/11\/Capture-decran-le-2022-11-15-a-09.32.23.png?w=1180&amp;ssl=1 1180w, https:\/\/i0.wp.com\/itayachtscanada.com\/wp-content\/uploads\/2022\/11\/Capture-decran-le-2022-11-15-a-09.32.23.png?resize=300%2C210&amp;ssl=1 300w, https:\/\/i0.wp.com\/itayachtscanada.com\/wp-content\/uploads\/2022\/11\/Capture-decran-le-2022-11-15-a-09.32.23.png?resize=1024%2C717&amp;ssl=1 1024w, https:\/\/i0.wp.com\/itayachtscanada.com\/wp-content\/uploads\/2022\/11\/Capture-decran-le-2022-11-15-a-09.32.23.png?resize=768%2C538&amp;ssl=1 768w, https:\/\/i0.wp.com\/itayachtscanada.com\/wp-content\/uploads\/2022\/11\/Capture-decran-le-2022-11-15-a-09.32.23.png?resize=700%2C490&amp;ssl=1 700w, https:\/\/i0.wp.com\/itayachtscanada.com\/wp-content\/uploads\/2022\/11\/Capture-decran-le-2022-11-15-a-09.32.23.png?resize=571%2C400&amp;ssl=1 571w\" width=\"463\" height=\"324\" loading=\"lazy\" data-original-width=\"463\" data-original-height=\"324\" itemprop=\"http:\/\/schema.org\/image\" title=\"Capture d\u2019\u00e9cran, le 2022-11-15 \u00e0 09.32.23\" alt=\"Capture d\u2019\u00e9cran, le 2022-11-15 \u00e0 09.32.23\" style=\"width: 463px; height: 324px;\" \/> <\/a> <\/div> <\/div> <!-- close group --> <\/div> <!-- close row --> <div class=\"gallery-row\" style=\"width: 700px; height: 328px;\" data-original-width=\"700\" data-original-height=\"328\" > <div class=\"gallery-group images-1\" style=\"width: 467px; height: 328px;\" data-original-width=\"467\" data-original-height=\"328\" > <div class=\"tiled-gallery-item tiled-gallery-item-large\" itemprop=\"associatedMedia\" itemscope itemtype=\"http:\/\/schema.org\/ImageObject\"> <a href=\"https:\/\/itayachtscanada.com\/fr\/listing\/arcadia-yacht-a85-2019-e4500000-euros-for-sale\/capture-decran-le-2022-11-15-a-09-32-20\/\" border=\"0\" itemprop=\"url\"> <meta itemprop=\"width\" content=\"463\"> <meta itemprop=\"height\" content=\"324\"> <img decoding=\"async\" class=\"\" data-attachment-id=\"85680\" data-orig-file=\"https:\/\/itayachtscanada.com\/wp-content\/uploads\/2022\/11\/Capture-decran-le-2022-11-15-a-09.32.20.png\" data-orig-size=\"1180,826\" data-comments-opened=\"1\" data-image-meta=\"{&quot;aperture&quot;:&quot;0&quot;,&quot;credit&quot;:&quot;&quot;,&quot;camera&quot;:&quot;&quot;,&quot;caption&quot;:&quot;&quot;,&quot;created_timestamp&quot;:&quot;0&quot;,&quot;copyright&quot;:&quot;&quot;,&quot;focal_length&quot;:&quot;0&quot;,&quot;iso&quot;:&quot;0&quot;,&quot;shutter_speed&quot;:&quot;0&quot;,&quot;title&quot;:&quot;&quot;,&quot;orientation&quot;:&quot;0&quot;}\" data-image-title=\"Capture d\u2019\u00e9cran, le 2022-11-15 \u00e0 09.32.20\" data-image-description=\"\" data-medium-file=\"https:\/\/i0.wp.com\/itayachtscanada.com\/wp-content\/uploads\/2022\/11\/Capture-decran-le-2022-11-15-a-09.32.20.png?fit=300%2C210&#038;ssl=1\" data-large-file=\"https:\/\/i0.wp.com\/itayachtscanada.com\/wp-content\/uploads\/2022\/11\/Capture-decran-le-2022-11-15-a-09.32.20.png?fit=700%2C490&#038;ssl=1\" src=\"https:\/\/i0.wp.com\/itayachtscanada.com\/wp-content\/uploads\/2022\/11\/Capture-decran-le-2022-11-15-a-09.32.20.png?w=463&#038;h=324&#038;ssl=1\" srcset=\"https:\/\/i0.wp.com\/itayachtscanada.com\/wp-content\/uploads\/2022\/11\/Capture-decran-le-2022-11-15-a-09.32.20.png?w=1180&amp;ssl=1 1180w, https:\/\/i0.wp.com\/itayachtscanada.com\/wp-content\/uploads\/2022\/11\/Capture-decran-le-2022-11-15-a-09.32.20.png?resize=300%2C210&amp;ssl=1 300w, https:\/\/i0.wp.com\/itayachtscanada.com\/wp-content\/uploads\/2022\/11\/Capture-decran-le-2022-11-15-a-09.32.20.png?resize=1024%2C717&amp;ssl=1 1024w, https:\/\/i0.wp.com\/itayachtscanada.com\/wp-content\/uploads\/2022\/11\/Capture-decran-le-2022-11-15-a-09.32.20.png?resize=768%2C538&amp;ssl=1 768w, https:\/\/i0.wp.com\/itayachtscanada.com\/wp-content\/uploads\/2022\/11\/Capture-decran-le-2022-11-15-a-09.32.20.png?resize=700%2C490&amp;ssl=1 700w, https:\/\/i0.wp.com\/itayachtscanada.com\/wp-content\/uploads\/2022\/11\/Capture-decran-le-2022-11-15-a-09.32.20.png?resize=571%2C400&amp;ssl=1 571w\" width=\"463\" height=\"324\" loading=\"lazy\" data-original-width=\"463\" data-original-height=\"324\" itemprop=\"http:\/\/schema.org\/image\" title=\"Capture d\u2019\u00e9cran, le 2022-11-15 \u00e0 09.32.20\" alt=\"Capture d\u2019\u00e9cran, le 2022-11-15 \u00e0 09.32.20\" style=\"width: 463px; height: 324px;\" \/> <\/a> <\/div> <\/div> <!-- close group --> <div class=\"gallery-group images-2\" style=\"width: 233px; height: 328px;\" data-original-width=\"233\" data-original-height=\"328\" > <div class=\"tiled-gallery-item tiled-gallery-item-small\" itemprop=\"associatedMedia\" itemscope itemtype=\"http:\/\/schema.org\/ImageObject\"> <a href=\"https:\/\/itayachtscanada.com\/fr\/listing\/arcadia-yacht-a85-2019-e4500000-euros-for-sale\/capture-decran-le-2022-11-15-a-09-32-17\/\" border=\"0\" itemprop=\"url\"> <meta itemprop=\"width\" content=\"229\"> <meta itemprop=\"height\" content=\"160\"> <img decoding=\"async\" class=\"\" data-attachment-id=\"85681\" data-orig-file=\"https:\/\/itayachtscanada.com\/wp-content\/uploads\/2022\/11\/Capture-decran-le-2022-11-15-a-09.32.17.png\" data-orig-size=\"1180,826\" data-comments-opened=\"1\" data-image-meta=\"{&quot;aperture&quot;:&quot;0&quot;,&quot;credit&quot;:&quot;&quot;,&quot;camera&quot;:&quot;&quot;,&quot;caption&quot;:&quot;&quot;,&quot;created_timestamp&quot;:&quot;0&quot;,&quot;copyright&quot;:&quot;&quot;,&quot;focal_length&quot;:&quot;0&quot;,&quot;iso&quot;:&quot;0&quot;,&quot;shutter_speed&quot;:&quot;0&quot;,&quot;title&quot;:&quot;&quot;,&quot;orientation&quot;:&quot;0&quot;}\" data-image-title=\"Capture d\u2019\u00e9cran, le 2022-11-15 \u00e0 09.32.17\" data-image-description=\"\" data-medium-file=\"https:\/\/i0.wp.com\/itayachtscanada.com\/wp-content\/uploads\/2022\/11\/Capture-decran-le-2022-11-15-a-09.32.17.png?fit=300%2C210&#038;ssl=1\" data-large-file=\"https:\/\/i0.wp.com\/itayachtscanada.com\/wp-content\/uploads\/2022\/11\/Capture-decran-le-2022-11-15-a-09.32.17.png?fit=700%2C490&#038;ssl=1\" src=\"https:\/\/i0.wp.com\/itayachtscanada.com\/wp-content\/uploads\/2022\/11\/Capture-decran-le-2022-11-15-a-09.32.17.png?w=229&#038;h=160&#038;ssl=1\" srcset=\"https:\/\/i0.wp.com\/itayachtscanada.com\/wp-content\/uploads\/2022\/11\/Capture-decran-le-2022-11-15-a-09.32.17.png?w=1180&amp;ssl=1 1180w, https:\/\/i0.wp.com\/itayachtscanada.com\/wp-content\/uploads\/2022\/11\/Capture-decran-le-2022-11-15-a-09.32.17.png?resize=300%2C210&amp;ssl=1 300w, https:\/\/i0.wp.com\/itayachtscanada.com\/wp-content\/uploads\/2022\/11\/Capture-decran-le-2022-11-15-a-09.32.17.png?resize=1024%2C717&amp;ssl=1 1024w, https:\/\/i0.wp.com\/itayachtscanada.com\/wp-content\/uploads\/2022\/11\/Capture-decran-le-2022-11-15-a-09.32.17.png?resize=768%2C538&amp;ssl=1 768w, https:\/\/i0.wp.com\/itayachtscanada.com\/wp-content\/uploads\/2022\/11\/Capture-decran-le-2022-11-15-a-09.32.17.png?resize=700%2C490&amp;ssl=1 700w, https:\/\/i0.wp.com\/itayachtscanada.com\/wp-content\/uploads\/2022\/11\/Capture-decran-le-2022-11-15-a-09.32.17.png?resize=571%2C400&amp;ssl=1 571w\" width=\"229\" height=\"160\" loading=\"lazy\" data-original-width=\"229\" data-original-height=\"160\" itemprop=\"http:\/\/schema.org\/image\" title=\"Capture d\u2019\u00e9cran, le 2022-11-15 \u00e0 09.32.17\" alt=\"Capture d\u2019\u00e9cran, le 2022-11-15 \u00e0 09.32.17\" style=\"width: 229px; height: 160px;\" \/> <\/a> <\/div> <div class=\"tiled-gallery-item tiled-gallery-item-small\" itemprop=\"associatedMedia\" itemscope itemtype=\"http:\/\/schema.org\/ImageObject\"> <a href=\"https:\/\/itayachtscanada.com\/fr\/listing\/arcadia-yacht-a85-2019-e4500000-euros-for-sale\/capture-decran-le-2022-11-15-a-09-32-14\/\" border=\"0\" itemprop=\"url\"> <meta itemprop=\"width\" content=\"229\"> <meta itemprop=\"height\" content=\"160\"> <img decoding=\"async\" class=\"\" data-attachment-id=\"85682\" data-orig-file=\"https:\/\/itayachtscanada.com\/wp-content\/uploads\/2022\/11\/Capture-decran-le-2022-11-15-a-09.32.14.png\" data-orig-size=\"1180,826\" data-comments-opened=\"1\" data-image-meta=\"{&quot;aperture&quot;:&quot;0&quot;,&quot;credit&quot;:&quot;&quot;,&quot;camera&quot;:&quot;&quot;,&quot;caption&quot;:&quot;&quot;,&quot;created_timestamp&quot;:&quot;0&quot;,&quot;copyright&quot;:&quot;&quot;,&quot;focal_length&quot;:&quot;0&quot;,&quot;iso&quot;:&quot;0&quot;,&quot;shutter_speed&quot;:&quot;0&quot;,&quot;title&quot;:&quot;&quot;,&quot;orientation&quot;:&quot;0&quot;}\" data-image-title=\"Capture d\u2019\u00e9cran, le 2022-11-15 \u00e0 09.32.14\" data-image-description=\"\" data-medium-file=\"https:\/\/i0.wp.com\/itayachtscanada.com\/wp-content\/uploads\/2022\/11\/Capture-decran-le-2022-11-15-a-09.32.14.png?fit=300%2C210&#038;ssl=1\" data-large-file=\"https:\/\/i0.wp.com\/itayachtscanada.com\/wp-content\/uploads\/2022\/11\/Capture-decran-le-2022-11-15-a-09.32.14.png?fit=700%2C490&#038;ssl=1\" src=\"https:\/\/i0.wp.com\/itayachtscanada.com\/wp-content\/uploads\/2022\/11\/Capture-decran-le-2022-11-15-a-09.32.14.png?w=229&#038;h=160&#038;ssl=1\" srcset=\"https:\/\/i0.wp.com\/itayachtscanada.com\/wp-content\/uploads\/2022\/11\/Capture-decran-le-2022-11-15-a-09.32.14.png?w=1180&amp;ssl=1 1180w, https:\/\/i0.wp.com\/itayachtscanada.com\/wp-content\/uploads\/2022\/11\/Capture-decran-le-2022-11-15-a-09.32.14.png?resize=300%2C210&amp;ssl=1 300w, https:\/\/i0.wp.com\/itayachtscanada.com\/wp-content\/uploads\/2022\/11\/Capture-decran-le-2022-11-15-a-09.32.14.png?resize=1024%2C717&amp;ssl=1 1024w, https:\/\/i0.wp.com\/itayachtscanada.com\/wp-content\/uploads\/2022\/11\/Capture-decran-le-2022-11-15-a-09.32.14.png?resize=768%2C538&amp;ssl=1 768w, https:\/\/i0.wp.com\/itayachtscanada.com\/wp-content\/uploads\/2022\/11\/Capture-decran-le-2022-11-15-a-09.32.14.png?resize=700%2C490&amp;ssl=1 700w, https:\/\/i0.wp.com\/itayachtscanada.com\/wp-content\/uploads\/2022\/11\/Capture-decran-le-2022-11-15-a-09.32.14.png?resize=571%2C400&amp;ssl=1 571w\" width=\"229\" height=\"160\" loading=\"lazy\" data-original-width=\"229\" data-original-height=\"160\" itemprop=\"http:\/\/schema.org\/image\" title=\"Capture d\u2019\u00e9cran, le 2022-11-15 \u00e0 09.32.14\" alt=\"Capture d\u2019\u00e9cran, le 2022-11-15 \u00e0 09.32.14\" style=\"width: 229px; height: 160px;\" \/> <\/a> <\/div> <\/div> <!-- close group --> <\/div> <!-- close row --> <div class=\"gallery-row\" style=\"width: 700px; height: 246px;\" data-original-width=\"700\" data-original-height=\"246\" > <div class=\"gallery-group images-1\" style=\"width: 350px; height: 246px;\" data-original-width=\"350\" data-original-height=\"246\" > <div class=\"tiled-gallery-item tiled-gallery-item-large\" itemprop=\"associatedMedia\" itemscope itemtype=\"http:\/\/schema.org\/ImageObject\"> <a href=\"https:\/\/itayachtscanada.com\/fr\/listing\/arcadia-yacht-a85-2019-e4500000-euros-for-sale\/capture-decran-le-2022-11-15-a-09-32-11\/\" border=\"0\" itemprop=\"url\"> <meta itemprop=\"width\" content=\"346\"> <meta itemprop=\"height\" content=\"242\"> <img decoding=\"async\" class=\"\" data-attachment-id=\"85683\" data-orig-file=\"https:\/\/itayachtscanada.com\/wp-content\/uploads\/2022\/11\/Capture-decran-le-2022-11-15-a-09.32.11.png\" data-orig-size=\"1180,826\" data-comments-opened=\"1\" data-image-meta=\"{&quot;aperture&quot;:&quot;0&quot;,&quot;credit&quot;:&quot;&quot;,&quot;camera&quot;:&quot;&quot;,&quot;caption&quot;:&quot;&quot;,&quot;created_timestamp&quot;:&quot;0&quot;,&quot;copyright&quot;:&quot;&quot;,&quot;focal_length&quot;:&quot;0&quot;,&quot;iso&quot;:&quot;0&quot;,&quot;shutter_speed&quot;:&quot;0&quot;,&quot;title&quot;:&quot;&quot;,&quot;orientation&quot;:&quot;0&quot;}\" data-image-title=\"Capture d\u2019\u00e9cran, le 2022-11-15 \u00e0 09.32.11\" data-image-description=\"\" data-medium-file=\"https:\/\/i0.wp.com\/itayachtscanada.com\/wp-content\/uploads\/2022\/11\/Capture-decran-le-2022-11-15-a-09.32.11.png?fit=300%2C210&#038;ssl=1\" data-large-file=\"https:\/\/i0.wp.com\/itayachtscanada.com\/wp-content\/uploads\/2022\/11\/Capture-decran-le-2022-11-15-a-09.32.11.png?fit=700%2C490&#038;ssl=1\" src=\"https:\/\/i0.wp.com\/itayachtscanada.com\/wp-content\/uploads\/2022\/11\/Capture-decran-le-2022-11-15-a-09.32.11.png?w=346&#038;h=242&#038;ssl=1\" srcset=\"https:\/\/i0.wp.com\/itayachtscanada.com\/wp-content\/uploads\/2022\/11\/Capture-decran-le-2022-11-15-a-09.32.11.png?w=1180&amp;ssl=1 1180w, https:\/\/i0.wp.com\/itayachtscanada.com\/wp-content\/uploads\/2022\/11\/Capture-decran-le-2022-11-15-a-09.32.11.png?resize=300%2C210&amp;ssl=1 300w, https:\/\/i0.wp.com\/itayachtscanada.com\/wp-content\/uploads\/2022\/11\/Capture-decran-le-2022-11-15-a-09.32.11.png?resize=1024%2C717&amp;ssl=1 1024w, https:\/\/i0.wp.com\/itayachtscanada.com\/wp-content\/uploads\/2022\/11\/Capture-decran-le-2022-11-15-a-09.32.11.png?resize=768%2C538&amp;ssl=1 768w, https:\/\/i0.wp.com\/itayachtscanada.com\/wp-content\/uploads\/2022\/11\/Capture-decran-le-2022-11-15-a-09.32.11.png?resize=700%2C490&amp;ssl=1 700w, https:\/\/i0.wp.com\/itayachtscanada.com\/wp-content\/uploads\/2022\/11\/Capture-decran-le-2022-11-15-a-09.32.11.png?resize=571%2C400&amp;ssl=1 571w\" width=\"346\" height=\"242\" loading=\"lazy\" data-original-width=\"346\" data-original-height=\"242\" itemprop=\"http:\/\/schema.org\/image\" title=\"Capture d\u2019\u00e9cran, le 2022-11-15 \u00e0 09.32.11\" alt=\"Capture d\u2019\u00e9cran, le 2022-11-15 \u00e0 09.32.11\" style=\"width: 346px; height: 242px;\" \/> <\/a> <\/div> <\/div> <!-- close group --> <div class=\"gallery-group images-1\" style=\"width: 350px; height: 246px;\" data-original-width=\"350\" data-original-height=\"246\" > <div class=\"tiled-gallery-item tiled-gallery-item-large\" itemprop=\"associatedMedia\" itemscope itemtype=\"http:\/\/schema.org\/ImageObject\"> <a href=\"https:\/\/itayachtscanada.com\/fr\/listing\/arcadia-yacht-a85-2019-e4500000-euros-for-sale\/capture-decran-le-2022-11-15-a-09-32-08\/\" border=\"0\" itemprop=\"url\"> <meta itemprop=\"width\" content=\"346\"> <meta itemprop=\"height\" content=\"242\"> <img decoding=\"async\" class=\"\" data-attachment-id=\"85684\" data-orig-file=\"https:\/\/itayachtscanada.com\/wp-content\/uploads\/2022\/11\/Capture-decran-le-2022-11-15-a-09.32.08.png\" data-orig-size=\"1180,826\" data-comments-opened=\"1\" data-image-meta=\"{&quot;aperture&quot;:&quot;0&quot;,&quot;credit&quot;:&quot;&quot;,&quot;camera&quot;:&quot;&quot;,&quot;caption&quot;:&quot;&quot;,&quot;created_timestamp&quot;:&quot;0&quot;,&quot;copyright&quot;:&quot;&quot;,&quot;focal_length&quot;:&quot;0&quot;,&quot;iso&quot;:&quot;0&quot;,&quot;shutter_speed&quot;:&quot;0&quot;,&quot;title&quot;:&quot;&quot;,&quot;orientation&quot;:&quot;0&quot;}\" data-image-title=\"Capture d\u2019\u00e9cran, le 2022-11-15 \u00e0 09.32.08\" data-image-description=\"\" data-medium-file=\"https:\/\/i0.wp.com\/itayachtscanada.com\/wp-content\/uploads\/2022\/11\/Capture-decran-le-2022-11-15-a-09.32.08.png?fit=300%2C210&#038;ssl=1\" data-large-file=\"https:\/\/i0.wp.com\/itayachtscanada.com\/wp-content\/uploads\/2022\/11\/Capture-decran-le-2022-11-15-a-09.32.08.png?fit=700%2C490&#038;ssl=1\" src=\"https:\/\/i0.wp.com\/itayachtscanada.com\/wp-content\/uploads\/2022\/11\/Capture-decran-le-2022-11-15-a-09.32.08.png?w=346&#038;h=242&#038;ssl=1\" srcset=\"https:\/\/i0.wp.com\/itayachtscanada.com\/wp-content\/uploads\/2022\/11\/Capture-decran-le-2022-11-15-a-09.32.08.png?w=1180&amp;ssl=1 1180w, https:\/\/i0.wp.com\/itayachtscanada.com\/wp-content\/uploads\/2022\/11\/Capture-decran-le-2022-11-15-a-09.32.08.png?resize=300%2C210&amp;ssl=1 300w, https:\/\/i0.wp.com\/itayachtscanada.com\/wp-content\/uploads\/2022\/11\/Capture-decran-le-2022-11-15-a-09.32.08.png?resize=1024%2C717&amp;ssl=1 1024w, https:\/\/i0.wp.com\/itayachtscanada.com\/wp-content\/uploads\/2022\/11\/Capture-decran-le-2022-11-15-a-09.32.08.png?resize=768%2C538&amp;ssl=1 768w, https:\/\/i0.wp.com\/itayachtscanada.com\/wp-content\/uploads\/2022\/11\/Capture-decran-le-2022-11-15-a-09.32.08.png?resize=700%2C490&amp;ssl=1 700w, https:\/\/i0.wp.com\/itayachtscanada.com\/wp-content\/uploads\/2022\/11\/Capture-decran-le-2022-11-15-a-09.32.08.png?resize=571%2C400&amp;ssl=1 571w\" width=\"346\" height=\"242\" loading=\"lazy\" data-original-width=\"346\" data-original-height=\"242\" itemprop=\"http:\/\/schema.org\/image\" title=\"Capture d\u2019\u00e9cran, le 2022-11-15 \u00e0 09.32.08\" alt=\"Capture d\u2019\u00e9cran, le 2022-11-15 \u00e0 09.32.08\" style=\"width: 346px; height: 242px;\" \/> <\/a> <\/div> <\/div> <!-- close group --> <\/div> <!-- close row --> <div class=\"gallery-row\" style=\"width: 700px; height: 246px;\" data-original-width=\"700\" data-original-height=\"246\" > <div class=\"gallery-group images-1\" style=\"width: 350px; height: 246px;\" data-original-width=\"350\" data-original-height=\"246\" > <div class=\"tiled-gallery-item tiled-gallery-item-large\" itemprop=\"associatedMedia\" itemscope itemtype=\"http:\/\/schema.org\/ImageObject\"> <a href=\"https:\/\/itayachtscanada.com\/fr\/listing\/arcadia-yacht-a85-2019-e4500000-euros-for-sale\/capture-decran-le-2022-11-15-a-09-32-05\/\" border=\"0\" itemprop=\"url\"> <meta itemprop=\"width\" content=\"346\"> <meta itemprop=\"height\" content=\"242\"> <img decoding=\"async\" class=\"\" data-attachment-id=\"85685\" data-orig-file=\"https:\/\/itayachtscanada.com\/wp-content\/uploads\/2022\/11\/Capture-decran-le-2022-11-15-a-09.32.05.png\" data-orig-size=\"1180,826\" data-comments-opened=\"1\" data-image-meta=\"{&quot;aperture&quot;:&quot;0&quot;,&quot;credit&quot;:&quot;&quot;,&quot;camera&quot;:&quot;&quot;,&quot;caption&quot;:&quot;&quot;,&quot;created_timestamp&quot;:&quot;0&quot;,&quot;copyright&quot;:&quot;&quot;,&quot;focal_length&quot;:&quot;0&quot;,&quot;iso&quot;:&quot;0&quot;,&quot;shutter_speed&quot;:&quot;0&quot;,&quot;title&quot;:&quot;&quot;,&quot;orientation&quot;:&quot;0&quot;}\" data-image-title=\"Capture d\u2019\u00e9cran, le 2022-11-15 \u00e0 09.32.05\" data-image-description=\"\" data-medium-file=\"https:\/\/i0.wp.com\/itayachtscanada.com\/wp-content\/uploads\/2022\/11\/Capture-decran-le-2022-11-15-a-09.32.05.png?fit=300%2C210&#038;ssl=1\" data-large-file=\"https:\/\/i0.wp.com\/itayachtscanada.com\/wp-content\/uploads\/2022\/11\/Capture-decran-le-2022-11-15-a-09.32.05.png?fit=700%2C490&#038;ssl=1\" src=\"https:\/\/i0.wp.com\/itayachtscanada.com\/wp-content\/uploads\/2022\/11\/Capture-decran-le-2022-11-15-a-09.32.05.png?w=346&#038;h=242&#038;ssl=1\" srcset=\"https:\/\/i0.wp.com\/itayachtscanada.com\/wp-content\/uploads\/2022\/11\/Capture-decran-le-2022-11-15-a-09.32.05.png?w=1180&amp;ssl=1 1180w, https:\/\/i0.wp.com\/itayachtscanada.com\/wp-content\/uploads\/2022\/11\/Capture-decran-le-2022-11-15-a-09.32.05.png?resize=300%2C210&amp;ssl=1 300w, https:\/\/i0.wp.com\/itayachtscanada.com\/wp-content\/uploads\/2022\/11\/Capture-decran-le-2022-11-15-a-09.32.05.png?resize=1024%2C717&amp;ssl=1 1024w, https:\/\/i0.wp.com\/itayachtscanada.com\/wp-content\/uploads\/2022\/11\/Capture-decran-le-2022-11-15-a-09.32.05.png?resize=768%2C538&amp;ssl=1 768w, https:\/\/i0.wp.com\/itayachtscanada.com\/wp-content\/uploads\/2022\/11\/Capture-decran-le-2022-11-15-a-09.32.05.png?resize=700%2C490&amp;ssl=1 700w, https:\/\/i0.wp.com\/itayachtscanada.com\/wp-content\/uploads\/2022\/11\/Capture-decran-le-2022-11-15-a-09.32.05.png?resize=571%2C400&amp;ssl=1 571w\" width=\"346\" height=\"242\" loading=\"lazy\" data-original-width=\"346\" data-original-height=\"242\" itemprop=\"http:\/\/schema.org\/image\" title=\"Capture d\u2019\u00e9cran, le 2022-11-15 \u00e0 09.32.05\" alt=\"Capture d\u2019\u00e9cran, le 2022-11-15 \u00e0 09.32.05\" style=\"width: 346px; height: 242px;\" \/> <\/a> <\/div> <\/div> <!-- close group --> <div class=\"gallery-group images-1\" style=\"width: 350px; height: 246px;\" data-original-width=\"350\" data-original-height=\"246\" > <div class=\"tiled-gallery-item tiled-gallery-item-large\" itemprop=\"associatedMedia\" itemscope itemtype=\"http:\/\/schema.org\/ImageObject\"> <a href=\"https:\/\/itayachtscanada.com\/fr\/listing\/arcadia-yacht-a85-2019-e4500000-euros-for-sale\/capture-decran-le-2022-11-15-a-09-32-00\/\" border=\"0\" itemprop=\"url\"> <meta itemprop=\"width\" content=\"346\"> <meta itemprop=\"height\" content=\"242\"> <img decoding=\"async\" class=\"\" data-attachment-id=\"85686\" data-orig-file=\"https:\/\/itayachtscanada.com\/wp-content\/uploads\/2022\/11\/Capture-decran-le-2022-11-15-a-09.32.00.png\" data-orig-size=\"1180,826\" data-comments-opened=\"1\" data-image-meta=\"{&quot;aperture&quot;:&quot;0&quot;,&quot;credit&quot;:&quot;&quot;,&quot;camera&quot;:&quot;&quot;,&quot;caption&quot;:&quot;&quot;,&quot;created_timestamp&quot;:&quot;0&quot;,&quot;copyright&quot;:&quot;&quot;,&quot;focal_length&quot;:&quot;0&quot;,&quot;iso&quot;:&quot;0&quot;,&quot;shutter_speed&quot;:&quot;0&quot;,&quot;title&quot;:&quot;&quot;,&quot;orientation&quot;:&quot;0&quot;}\" data-image-title=\"Capture d\u2019\u00e9cran, le 2022-11-15 \u00e0 09.32.00\" data-image-description=\"\" data-medium-file=\"https:\/\/i0.wp.com\/itayachtscanada.com\/wp-content\/uploads\/2022\/11\/Capture-decran-le-2022-11-15-a-09.32.00.png?fit=300%2C210&#038;ssl=1\" data-large-file=\"https:\/\/i0.wp.com\/itayachtscanada.com\/wp-content\/uploads\/2022\/11\/Capture-decran-le-2022-11-15-a-09.32.00.png?fit=700%2C490&#038;ssl=1\" src=\"https:\/\/i0.wp.com\/itayachtscanada.com\/wp-content\/uploads\/2022\/11\/Capture-decran-le-2022-11-15-a-09.32.00.png?w=346&#038;h=242&#038;ssl=1\" srcset=\"https:\/\/i0.wp.com\/itayachtscanada.com\/wp-content\/uploads\/2022\/11\/Capture-decran-le-2022-11-15-a-09.32.00.png?w=1180&amp;ssl=1 1180w, https:\/\/i0.wp.com\/itayachtscanada.com\/wp-content\/uploads\/2022\/11\/Capture-decran-le-2022-11-15-a-09.32.00.png?resize=300%2C210&amp;ssl=1 300w, https:\/\/i0.wp.com\/itayachtscanada.com\/wp-content\/uploads\/2022\/11\/Capture-decran-le-2022-11-15-a-09.32.00.png?resize=1024%2C717&amp;ssl=1 1024w, https:\/\/i0.wp.com\/itayachtscanada.com\/wp-content\/uploads\/2022\/11\/Capture-decran-le-2022-11-15-a-09.32.00.png?resize=768%2C538&amp;ssl=1 768w, https:\/\/i0.wp.com\/itayachtscanada.com\/wp-content\/uploads\/2022\/11\/Capture-decran-le-2022-11-15-a-09.32.00.png?resize=700%2C490&amp;ssl=1 700w, https:\/\/i0.wp.com\/itayachtscanada.com\/wp-content\/uploads\/2022\/11\/Capture-decran-le-2022-11-15-a-09.32.00.png?resize=571%2C400&amp;ssl=1 571w\" width=\"346\" height=\"242\" loading=\"lazy\" data-original-width=\"346\" data-original-height=\"242\" itemprop=\"http:\/\/schema.org\/image\" title=\"Capture d\u2019\u00e9cran, le 2022-11-15 \u00e0 09.32.00\" alt=\"Capture d\u2019\u00e9cran, le 2022-11-15 \u00e0 09.32.00\" style=\"width: 346px; height: 242px;\" \/> <\/a> <\/div> <\/div> <!-- close group --> <\/div> <!-- close row --> <div class=\"gallery-row\" style=\"width: 700px; height: 164px;\" data-original-width=\"700\" data-original-height=\"164\" > <div class=\"gallery-group images-1\" style=\"width: 234px; height: 164px;\" data-original-width=\"234\" data-original-height=\"164\" > <div class=\"tiled-gallery-item tiled-gallery-item-small\" itemprop=\"associatedMedia\" itemscope itemtype=\"http:\/\/schema.org\/ImageObject\"> <a href=\"https:\/\/itayachtscanada.com\/fr\/listing\/arcadia-yacht-a85-2019-e4500000-euros-for-sale\/capture-decran-le-2022-11-15-a-09-31-55\/\" border=\"0\" itemprop=\"url\"> <meta itemprop=\"width\" content=\"230\"> <meta itemprop=\"height\" content=\"160\"> <img decoding=\"async\" class=\"\" data-attachment-id=\"85687\" data-orig-file=\"https:\/\/itayachtscanada.com\/wp-content\/uploads\/2022\/11\/Capture-decran-le-2022-11-15-a-09.31.55.png\" data-orig-size=\"1186,826\" data-comments-opened=\"1\" data-image-meta=\"{&quot;aperture&quot;:&quot;0&quot;,&quot;credit&quot;:&quot;&quot;,&quot;camera&quot;:&quot;&quot;,&quot;caption&quot;:&quot;&quot;,&quot;created_timestamp&quot;:&quot;0&quot;,&quot;copyright&quot;:&quot;&quot;,&quot;focal_length&quot;:&quot;0&quot;,&quot;iso&quot;:&quot;0&quot;,&quot;shutter_speed&quot;:&quot;0&quot;,&quot;title&quot;:&quot;&quot;,&quot;orientation&quot;:&quot;0&quot;}\" data-image-title=\"Capture d\u2019\u00e9cran, le 2022-11-15 \u00e0 09.31.55\" data-image-description=\"\" data-medium-file=\"https:\/\/i0.wp.com\/itayachtscanada.com\/wp-content\/uploads\/2022\/11\/Capture-decran-le-2022-11-15-a-09.31.55.png?fit=300%2C209&#038;ssl=1\" data-large-file=\"https:\/\/i0.wp.com\/itayachtscanada.com\/wp-content\/uploads\/2022\/11\/Capture-decran-le-2022-11-15-a-09.31.55.png?fit=700%2C487&#038;ssl=1\" src=\"https:\/\/i0.wp.com\/itayachtscanada.com\/wp-content\/uploads\/2022\/11\/Capture-decran-le-2022-11-15-a-09.31.55.png?w=230&#038;h=160&#038;ssl=1\" srcset=\"https:\/\/i0.wp.com\/itayachtscanada.com\/wp-content\/uploads\/2022\/11\/Capture-decran-le-2022-11-15-a-09.31.55.png?w=1186&amp;ssl=1 1186w, https:\/\/i0.wp.com\/itayachtscanada.com\/wp-content\/uploads\/2022\/11\/Capture-decran-le-2022-11-15-a-09.31.55.png?resize=300%2C209&amp;ssl=1 300w, https:\/\/i0.wp.com\/itayachtscanada.com\/wp-content\/uploads\/2022\/11\/Capture-decran-le-2022-11-15-a-09.31.55.png?resize=1024%2C713&amp;ssl=1 1024w, https:\/\/i0.wp.com\/itayachtscanada.com\/wp-content\/uploads\/2022\/11\/Capture-decran-le-2022-11-15-a-09.31.55.png?resize=768%2C535&amp;ssl=1 768w, https:\/\/i0.wp.com\/itayachtscanada.com\/wp-content\/uploads\/2022\/11\/Capture-decran-le-2022-11-15-a-09.31.55.png?resize=700%2C488&amp;ssl=1 700w, https:\/\/i0.wp.com\/itayachtscanada.com\/wp-content\/uploads\/2022\/11\/Capture-decran-le-2022-11-15-a-09.31.55.png?resize=574%2C400&amp;ssl=1 574w\" width=\"230\" height=\"160\" loading=\"lazy\" data-original-width=\"230\" data-original-height=\"160\" itemprop=\"http:\/\/schema.org\/image\" title=\"Capture d\u2019\u00e9cran, le 2022-11-15 \u00e0 09.31.55\" alt=\"Capture d\u2019\u00e9cran, le 2022-11-15 \u00e0 09.31.55\" style=\"width: 230px; height: 160px;\" \/> <\/a> <\/div> <\/div> <!-- close group --> <div class=\"gallery-group images-1\" style=\"width: 233px; height: 164px;\" data-original-width=\"233\" data-original-height=\"164\" > <div class=\"tiled-gallery-item tiled-gallery-item-small\" itemprop=\"associatedMedia\" itemscope itemtype=\"http:\/\/schema.org\/ImageObject\"> <a href=\"https:\/\/itayachtscanada.com\/fr\/listing\/arcadia-yacht-a85-2019-e4500000-euros-for-sale\/capture-decran-le-2022-11-15-a-09-31-52\/\" border=\"0\" itemprop=\"url\"> <meta itemprop=\"width\" content=\"229\"> <meta itemprop=\"height\" content=\"160\"> <img decoding=\"async\" class=\"\" data-attachment-id=\"85688\" data-orig-file=\"https:\/\/itayachtscanada.com\/wp-content\/uploads\/2022\/11\/Capture-decran-le-2022-11-15-a-09.31.52.png\" data-orig-size=\"1186,826\" data-comments-opened=\"1\" data-image-meta=\"{&quot;aperture&quot;:&quot;0&quot;,&quot;credit&quot;:&quot;&quot;,&quot;camera&quot;:&quot;&quot;,&quot;caption&quot;:&quot;&quot;,&quot;created_timestamp&quot;:&quot;0&quot;,&quot;copyright&quot;:&quot;&quot;,&quot;focal_length&quot;:&quot;0&quot;,&quot;iso&quot;:&quot;0&quot;,&quot;shutter_speed&quot;:&quot;0&quot;,&quot;title&quot;:&quot;&quot;,&quot;orientation&quot;:&quot;0&quot;}\" data-image-title=\"Capture d\u2019\u00e9cran, le 2022-11-15 \u00e0 09.31.52\" data-image-description=\"\" data-medium-file=\"https:\/\/i0.wp.com\/itayachtscanada.com\/wp-content\/uploads\/2022\/11\/Capture-decran-le-2022-11-15-a-09.31.52.png?fit=300%2C209&#038;ssl=1\" data-large-file=\"https:\/\/i0.wp.com\/itayachtscanada.com\/wp-content\/uploads\/2022\/11\/Capture-decran-le-2022-11-15-a-09.31.52.png?fit=700%2C487&#038;ssl=1\" src=\"https:\/\/i0.wp.com\/itayachtscanada.com\/wp-content\/uploads\/2022\/11\/Capture-decran-le-2022-11-15-a-09.31.52.png?w=229&#038;h=160&#038;ssl=1\" srcset=\"https:\/\/i0.wp.com\/itayachtscanada.com\/wp-content\/uploads\/2022\/11\/Capture-decran-le-2022-11-15-a-09.31.52.png?w=1186&amp;ssl=1 1186w, https:\/\/i0.wp.com\/itayachtscanada.com\/wp-content\/uploads\/2022\/11\/Capture-decran-le-2022-11-15-a-09.31.52.png?resize=300%2C209&amp;ssl=1 300w, https:\/\/i0.wp.com\/itayachtscanada.com\/wp-content\/uploads\/2022\/11\/Capture-decran-le-2022-11-15-a-09.31.52.png?resize=1024%2C713&amp;ssl=1 1024w, https:\/\/i0.wp.com\/itayachtscanada.com\/wp-content\/uploads\/2022\/11\/Capture-decran-le-2022-11-15-a-09.31.52.png?resize=768%2C535&amp;ssl=1 768w, https:\/\/i0.wp.com\/itayachtscanada.com\/wp-content\/uploads\/2022\/11\/Capture-decran-le-2022-11-15-a-09.31.52.png?resize=700%2C488&amp;ssl=1 700w, https:\/\/i0.wp.com\/itayachtscanada.com\/wp-content\/uploads\/2022\/11\/Capture-decran-le-2022-11-15-a-09.31.52.png?resize=574%2C400&amp;ssl=1 574w\" width=\"229\" height=\"160\" loading=\"lazy\" data-original-width=\"229\" data-original-height=\"160\" itemprop=\"http:\/\/schema.org\/image\" title=\"Capture d\u2019\u00e9cran, le 2022-11-15 \u00e0 09.31.52\" alt=\"Capture d\u2019\u00e9cran, le 2022-11-15 \u00e0 09.31.52\" style=\"width: 229px; height: 160px;\" \/> <\/a> <\/div> <\/div> <!-- close group --> <div class=\"gallery-group images-1\" style=\"width: 233px; height: 164px;\" data-original-width=\"233\" data-original-height=\"164\" > <div class=\"tiled-gallery-item tiled-gallery-item-small\" itemprop=\"associatedMedia\" itemscope itemtype=\"http:\/\/schema.org\/ImageObject\"> <a href=\"https:\/\/itayachtscanada.com\/fr\/listing\/arcadia-yacht-a85-2019-e4500000-euros-for-sale\/capture-decran-le-2022-11-15-a-09-31-48\/\" border=\"0\" itemprop=\"url\"> <meta itemprop=\"width\" content=\"229\"> <meta itemprop=\"height\" content=\"160\"> <img decoding=\"async\" class=\"\" data-attachment-id=\"85689\" data-orig-file=\"https:\/\/itayachtscanada.com\/wp-content\/uploads\/2022\/11\/Capture-decran-le-2022-11-15-a-09.31.48.png\" data-orig-size=\"1186,826\" data-comments-opened=\"1\" data-image-meta=\"{&quot;aperture&quot;:&quot;0&quot;,&quot;credit&quot;:&quot;&quot;,&quot;camera&quot;:&quot;&quot;,&quot;caption&quot;:&quot;&quot;,&quot;created_timestamp&quot;:&quot;0&quot;,&quot;copyright&quot;:&quot;&quot;,&quot;focal_length&quot;:&quot;0&quot;,&quot;iso&quot;:&quot;0&quot;,&quot;shutter_speed&quot;:&quot;0&quot;,&quot;title&quot;:&quot;&quot;,&quot;orientation&quot;:&quot;0&quot;}\" data-image-title=\"Capture d\u2019\u00e9cran, le 2022-11-15 \u00e0 09.31.48\" data-image-description=\"\" data-medium-file=\"https:\/\/i0.wp.com\/itayachtscanada.com\/wp-content\/uploads\/2022\/11\/Capture-decran-le-2022-11-15-a-09.31.48.png?fit=300%2C209&#038;ssl=1\" data-large-file=\"https:\/\/i0.wp.com\/itayachtscanada.com\/wp-content\/uploads\/2022\/11\/Capture-decran-le-2022-11-15-a-09.31.48.png?fit=700%2C487&#038;ssl=1\" src=\"https:\/\/i0.wp.com\/itayachtscanada.com\/wp-content\/uploads\/2022\/11\/Capture-decran-le-2022-11-15-a-09.31.48.png?w=229&#038;h=160&#038;ssl=1\" srcset=\"https:\/\/i0.wp.com\/itayachtscanada.com\/wp-content\/uploads\/2022\/11\/Capture-decran-le-2022-11-15-a-09.31.48.png?w=1186&amp;ssl=1 1186w, https:\/\/i0.wp.com\/itayachtscanada.com\/wp-content\/uploads\/2022\/11\/Capture-decran-le-2022-11-15-a-09.31.48.png?resize=300%2C209&amp;ssl=1 300w, https:\/\/i0.wp.com\/itayachtscanada.com\/wp-content\/uploads\/2022\/11\/Capture-decran-le-2022-11-15-a-09.31.48.png?resize=1024%2C713&amp;ssl=1 1024w, https:\/\/i0.wp.com\/itayachtscanada.com\/wp-content\/uploads\/2022\/11\/Capture-decran-le-2022-11-15-a-09.31.48.png?resize=768%2C535&amp;ssl=1 768w, https:\/\/i0.wp.com\/itayachtscanada.com\/wp-content\/uploads\/2022\/11\/Capture-decran-le-2022-11-15-a-09.31.48.png?resize=700%2C488&amp;ssl=1 700w, https:\/\/i0.wp.com\/itayachtscanada.com\/wp-content\/uploads\/2022\/11\/Capture-decran-le-2022-11-15-a-09.31.48.png?resize=574%2C400&amp;ssl=1 574w\" width=\"229\" height=\"160\" loading=\"lazy\" data-original-width=\"229\" data-original-height=\"160\" itemprop=\"http:\/\/schema.org\/image\" title=\"Capture d\u2019\u00e9cran, le 2022-11-15 \u00e0 09.31.48\" alt=\"Capture d\u2019\u00e9cran, le 2022-11-15 \u00e0 09.31.48\" style=\"width: 229px; height: 160px;\" \/> <\/a> <\/div> <\/div> <!-- close group --> <\/div> <!-- close row --> <div class=\"gallery-row\" style=\"width: 700px; height: 327px;\" data-original-width=\"700\" data-original-height=\"327\" > <div class=\"gallery-group images-1\" style=\"width: 467px; height: 327px;\" data-original-width=\"467\" data-original-height=\"327\" > <div class=\"tiled-gallery-item tiled-gallery-item-large\" itemprop=\"associatedMedia\" itemscope itemtype=\"http:\/\/schema.org\/ImageObject\"> <a href=\"https:\/\/itayachtscanada.com\/fr\/listing\/arcadia-yacht-a85-2019-e4500000-euros-for-sale\/capture-decran-le-2022-11-15-a-09-31-45\/\" border=\"0\" itemprop=\"url\"> <meta itemprop=\"width\" content=\"463\"> <meta itemprop=\"height\" content=\"323\"> <img decoding=\"async\" class=\"\" data-attachment-id=\"85690\" data-orig-file=\"https:\/\/itayachtscanada.com\/wp-content\/uploads\/2022\/11\/Capture-decran-le-2022-11-15-a-09.31.45.png\" data-orig-size=\"1186,826\" data-comments-opened=\"1\" data-image-meta=\"{&quot;aperture&quot;:&quot;0&quot;,&quot;credit&quot;:&quot;&quot;,&quot;camera&quot;:&quot;&quot;,&quot;caption&quot;:&quot;&quot;,&quot;created_timestamp&quot;:&quot;0&quot;,&quot;copyright&quot;:&quot;&quot;,&quot;focal_length&quot;:&quot;0&quot;,&quot;iso&quot;:&quot;0&quot;,&quot;shutter_speed&quot;:&quot;0&quot;,&quot;title&quot;:&quot;&quot;,&quot;orientation&quot;:&quot;0&quot;}\" data-image-title=\"Capture d\u2019\u00e9cran, le 2022-11-15 \u00e0 09.31.45\" data-image-description=\"\" data-medium-file=\"https:\/\/i0.wp.com\/itayachtscanada.com\/wp-content\/uploads\/2022\/11\/Capture-decran-le-2022-11-15-a-09.31.45.png?fit=300%2C209&#038;ssl=1\" data-large-file=\"https:\/\/i0.wp.com\/itayachtscanada.com\/wp-content\/uploads\/2022\/11\/Capture-decran-le-2022-11-15-a-09.31.45.png?fit=700%2C487&#038;ssl=1\" src=\"https:\/\/i0.wp.com\/itayachtscanada.com\/wp-content\/uploads\/2022\/11\/Capture-decran-le-2022-11-15-a-09.31.45.png?w=463&#038;h=323&#038;ssl=1\" srcset=\"https:\/\/i0.wp.com\/itayachtscanada.com\/wp-content\/uploads\/2022\/11\/Capture-decran-le-2022-11-15-a-09.31.45.png?w=1186&amp;ssl=1 1186w, https:\/\/i0.wp.com\/itayachtscanada.com\/wp-content\/uploads\/2022\/11\/Capture-decran-le-2022-11-15-a-09.31.45.png?resize=300%2C209&amp;ssl=1 300w, https:\/\/i0.wp.com\/itayachtscanada.com\/wp-content\/uploads\/2022\/11\/Capture-decran-le-2022-11-15-a-09.31.45.png?resize=1024%2C713&amp;ssl=1 1024w, https:\/\/i0.wp.com\/itayachtscanada.com\/wp-content\/uploads\/2022\/11\/Capture-decran-le-2022-11-15-a-09.31.45.png?resize=768%2C535&amp;ssl=1 768w, https:\/\/i0.wp.com\/itayachtscanada.com\/wp-content\/uploads\/2022\/11\/Capture-decran-le-2022-11-15-a-09.31.45.png?resize=700%2C488&amp;ssl=1 700w, https:\/\/i0.wp.com\/itayachtscanada.com\/wp-content\/uploads\/2022\/11\/Capture-decran-le-2022-11-15-a-09.31.45.png?resize=574%2C400&amp;ssl=1 574w\" width=\"463\" height=\"323\" loading=\"lazy\" data-original-width=\"463\" data-original-height=\"323\" itemprop=\"http:\/\/schema.org\/image\" title=\"Capture d\u2019\u00e9cran, le 2022-11-15 \u00e0 09.31.45\" alt=\"Capture d\u2019\u00e9cran, le 2022-11-15 \u00e0 09.31.45\" style=\"width: 463px; height: 323px;\" \/> <\/a> <\/div> <\/div> <!-- close group --> <div class=\"gallery-group images-2\" style=\"width: 233px; height: 327px;\" data-original-width=\"233\" data-original-height=\"327\" > <div class=\"tiled-gallery-item tiled-gallery-item-small\" itemprop=\"associatedMedia\" itemscope itemtype=\"http:\/\/schema.org\/ImageObject\"> <a href=\"https:\/\/itayachtscanada.com\/fr\/listing\/arcadia-yacht-a85-2019-e4500000-euros-for-sale\/capture-decran-le-2022-11-15-a-09-31-42\/\" border=\"0\" itemprop=\"url\"> <meta itemprop=\"width\" content=\"229\"> <meta itemprop=\"height\" content=\"160\"> <img decoding=\"async\" class=\"\" data-attachment-id=\"85691\" data-orig-file=\"https:\/\/itayachtscanada.com\/wp-content\/uploads\/2022\/11\/Capture-decran-le-2022-11-15-a-09.31.42.png\" data-orig-size=\"1186,826\" data-comments-opened=\"1\" data-image-meta=\"{&quot;aperture&quot;:&quot;0&quot;,&quot;credit&quot;:&quot;&quot;,&quot;camera&quot;:&quot;&quot;,&quot;caption&quot;:&quot;&quot;,&quot;created_timestamp&quot;:&quot;0&quot;,&quot;copyright&quot;:&quot;&quot;,&quot;focal_length&quot;:&quot;0&quot;,&quot;iso&quot;:&quot;0&quot;,&quot;shutter_speed&quot;:&quot;0&quot;,&quot;title&quot;:&quot;&quot;,&quot;orientation&quot;:&quot;0&quot;}\" data-image-title=\"Capture d\u2019\u00e9cran, le 2022-11-15 \u00e0 09.31.42\" data-image-description=\"\" data-medium-file=\"https:\/\/i0.wp.com\/itayachtscanada.com\/wp-content\/uploads\/2022\/11\/Capture-decran-le-2022-11-15-a-09.31.42.png?fit=300%2C209&#038;ssl=1\" data-large-file=\"https:\/\/i0.wp.com\/itayachtscanada.com\/wp-content\/uploads\/2022\/11\/Capture-decran-le-2022-11-15-a-09.31.42.png?fit=700%2C487&#038;ssl=1\" src=\"https:\/\/i0.wp.com\/itayachtscanada.com\/wp-content\/uploads\/2022\/11\/Capture-decran-le-2022-11-15-a-09.31.42.png?w=229&#038;h=160&#038;ssl=1\" srcset=\"https:\/\/i0.wp.com\/itayachtscanada.com\/wp-content\/uploads\/2022\/11\/Capture-decran-le-2022-11-15-a-09.31.42.png?w=1186&amp;ssl=1 1186w, https:\/\/i0.wp.com\/itayachtscanada.com\/wp-content\/uploads\/2022\/11\/Capture-decran-le-2022-11-15-a-09.31.42.png?resize=300%2C209&amp;ssl=1 300w, https:\/\/i0.wp.com\/itayachtscanada.com\/wp-content\/uploads\/2022\/11\/Capture-decran-le-2022-11-15-a-09.31.42.png?resize=1024%2C713&amp;ssl=1 1024w, https:\/\/i0.wp.com\/itayachtscanada.com\/wp-content\/uploads\/2022\/11\/Capture-decran-le-2022-11-15-a-09.31.42.png?resize=768%2C535&amp;ssl=1 768w, https:\/\/i0.wp.com\/itayachtscanada.com\/wp-content\/uploads\/2022\/11\/Capture-decran-le-2022-11-15-a-09.31.42.png?resize=700%2C488&amp;ssl=1 700w, https:\/\/i0.wp.com\/itayachtscanada.com\/wp-content\/uploads\/2022\/11\/Capture-decran-le-2022-11-15-a-09.31.42.png?resize=574%2C400&amp;ssl=1 574w\" width=\"229\" height=\"160\" loading=\"lazy\" data-original-width=\"229\" data-original-height=\"160\" itemprop=\"http:\/\/schema.org\/image\" title=\"Capture d\u2019\u00e9cran, le 2022-11-15 \u00e0 09.31.42\" alt=\"Capture d\u2019\u00e9cran, le 2022-11-15 \u00e0 09.31.42\" style=\"width: 229px; height: 160px;\" \/> <\/a> <\/div> <div class=\"tiled-gallery-item tiled-gallery-item-small\" itemprop=\"associatedMedia\" itemscope itemtype=\"http:\/\/schema.org\/ImageObject\"> <a href=\"https:\/\/itayachtscanada.com\/fr\/listing\/arcadia-yacht-a85-2019-e4500000-euros-for-sale\/capture-decran-le-2022-11-15-a-09-31-38\/\" border=\"0\" itemprop=\"url\"> <meta itemprop=\"width\" content=\"229\"> <meta itemprop=\"height\" content=\"159\"> <img decoding=\"async\" class=\"\" data-attachment-id=\"85692\" data-orig-file=\"https:\/\/itayachtscanada.com\/wp-content\/uploads\/2022\/11\/Capture-decran-le-2022-11-15-a-09.31.38.png\" data-orig-size=\"1186,826\" data-comments-opened=\"1\" data-image-meta=\"{&quot;aperture&quot;:&quot;0&quot;,&quot;credit&quot;:&quot;&quot;,&quot;camera&quot;:&quot;&quot;,&quot;caption&quot;:&quot;&quot;,&quot;created_timestamp&quot;:&quot;0&quot;,&quot;copyright&quot;:&quot;&quot;,&quot;focal_length&quot;:&quot;0&quot;,&quot;iso&quot;:&quot;0&quot;,&quot;shutter_speed&quot;:&quot;0&quot;,&quot;title&quot;:&quot;&quot;,&quot;orientation&quot;:&quot;0&quot;}\" data-image-title=\"Capture d\u2019\u00e9cran, le 2022-11-15 \u00e0 09.31.38\" data-image-description=\"\" data-medium-file=\"https:\/\/i0.wp.com\/itayachtscanada.com\/wp-content\/uploads\/2022\/11\/Capture-decran-le-2022-11-15-a-09.31.38.png?fit=300%2C209&#038;ssl=1\" data-large-file=\"https:\/\/i0.wp.com\/itayachtscanada.com\/wp-content\/uploads\/2022\/11\/Capture-decran-le-2022-11-15-a-09.31.38.png?fit=700%2C487&#038;ssl=1\" src=\"https:\/\/i0.wp.com\/itayachtscanada.com\/wp-content\/uploads\/2022\/11\/Capture-decran-le-2022-11-15-a-09.31.38.png?w=229&#038;h=159&#038;ssl=1\" srcset=\"https:\/\/i0.wp.com\/itayachtscanada.com\/wp-content\/uploads\/2022\/11\/Capture-decran-le-2022-11-15-a-09.31.38.png?w=1186&amp;ssl=1 1186w, https:\/\/i0.wp.com\/itayachtscanada.com\/wp-content\/uploads\/2022\/11\/Capture-decran-le-2022-11-15-a-09.31.38.png?resize=300%2C209&amp;ssl=1 300w, https:\/\/i0.wp.com\/itayachtscanada.com\/wp-content\/uploads\/2022\/11\/Capture-decran-le-2022-11-15-a-09.31.38.png?resize=1024%2C713&amp;ssl=1 1024w, https:\/\/i0.wp.com\/itayachtscanada.com\/wp-content\/uploads\/2022\/11\/Capture-decran-le-2022-11-15-a-09.31.38.png?resize=768%2C535&amp;ssl=1 768w, https:\/\/i0.wp.com\/itayachtscanada.com\/wp-content\/uploads\/2022\/11\/Capture-decran-le-2022-11-15-a-09.31.38.png?resize=700%2C488&amp;ssl=1 700w, https:\/\/i0.wp.com\/itayachtscanada.com\/wp-content\/uploads\/2022\/11\/Capture-decran-le-2022-11-15-a-09.31.38.png?resize=574%2C400&amp;ssl=1 574w\" width=\"229\" height=\"159\" loading=\"lazy\" data-original-width=\"229\" data-original-height=\"159\" itemprop=\"http:\/\/schema.org\/image\" title=\"Capture d\u2019\u00e9cran, le 2022-11-15 \u00e0 09.31.38\" alt=\"Capture d\u2019\u00e9cran, le 2022-11-15 \u00e0 09.31.38\" style=\"width: 229px; height: 159px;\" \/> <\/a> <\/div> <\/div> <!-- close group --> <\/div> <!-- close row --> <div class=\"gallery-row\" style=\"width: 700px; height: 327px;\" data-original-width=\"700\" data-original-height=\"327\" > <div class=\"gallery-group images-2\" style=\"width: 233px; height: 327px;\" data-original-width=\"233\" data-original-height=\"327\" > <div class=\"tiled-gallery-item tiled-gallery-item-small\" itemprop=\"associatedMedia\" itemscope itemtype=\"http:\/\/schema.org\/ImageObject\"> <a href=\"https:\/\/itayachtscanada.com\/fr\/listing\/arcadia-yacht-a85-2019-e4500000-euros-for-sale\/capture-decran-le-2022-11-15-a-09-31-35\/\" border=\"0\" itemprop=\"url\"> <meta itemprop=\"width\" content=\"229\"> <meta itemprop=\"height\" content=\"160\"> <img decoding=\"async\" class=\"\" data-attachment-id=\"85693\" data-orig-file=\"https:\/\/itayachtscanada.com\/wp-content\/uploads\/2022\/11\/Capture-decran-le-2022-11-15-a-09.31.35.png\" data-orig-size=\"1186,826\" data-comments-opened=\"1\" data-image-meta=\"{&quot;aperture&quot;:&quot;0&quot;,&quot;credit&quot;:&quot;&quot;,&quot;camera&quot;:&quot;&quot;,&quot;caption&quot;:&quot;&quot;,&quot;created_timestamp&quot;:&quot;0&quot;,&quot;copyright&quot;:&quot;&quot;,&quot;focal_length&quot;:&quot;0&quot;,&quot;iso&quot;:&quot;0&quot;,&quot;shutter_speed&quot;:&quot;0&quot;,&quot;title&quot;:&quot;&quot;,&quot;orientation&quot;:&quot;0&quot;}\" data-image-title=\"Capture d\u2019\u00e9cran, le 2022-11-15 \u00e0 09.31.35\" data-image-description=\"\" data-medium-file=\"https:\/\/i0.wp.com\/itayachtscanada.com\/wp-content\/uploads\/2022\/11\/Capture-decran-le-2022-11-15-a-09.31.35.png?fit=300%2C209&#038;ssl=1\" data-large-file=\"https:\/\/i0.wp.com\/itayachtscanada.com\/wp-content\/uploads\/2022\/11\/Capture-decran-le-2022-11-15-a-09.31.35.png?fit=700%2C487&#038;ssl=1\" src=\"https:\/\/i0.wp.com\/itayachtscanada.com\/wp-content\/uploads\/2022\/11\/Capture-decran-le-2022-11-15-a-09.31.35.png?w=229&#038;h=160&#038;ssl=1\" srcset=\"https:\/\/i0.wp.com\/itayachtscanada.com\/wp-content\/uploads\/2022\/11\/Capture-decran-le-2022-11-15-a-09.31.35.png?w=1186&amp;ssl=1 1186w, https:\/\/i0.wp.com\/itayachtscanada.com\/wp-content\/uploads\/2022\/11\/Capture-decran-le-2022-11-15-a-09.31.35.png?resize=300%2C209&amp;ssl=1 300w, https:\/\/i0.wp.com\/itayachtscanada.com\/wp-content\/uploads\/2022\/11\/Capture-decran-le-2022-11-15-a-09.31.35.png?resize=1024%2C713&amp;ssl=1 1024w, https:\/\/i0.wp.com\/itayachtscanada.com\/wp-content\/uploads\/2022\/11\/Capture-decran-le-2022-11-15-a-09.31.35.png?resize=768%2C535&amp;ssl=1 768w, https:\/\/i0.wp.com\/itayachtscanada.com\/wp-content\/uploads\/2022\/11\/Capture-decran-le-2022-11-15-a-09.31.35.png?resize=700%2C488&amp;ssl=1 700w, https:\/\/i0.wp.com\/itayachtscanada.com\/wp-content\/uploads\/2022\/11\/Capture-decran-le-2022-11-15-a-09.31.35.png?resize=574%2C400&amp;ssl=1 574w\" width=\"229\" height=\"160\" loading=\"lazy\" data-original-width=\"229\" data-original-height=\"160\" itemprop=\"http:\/\/schema.org\/image\" title=\"Capture d\u2019\u00e9cran, le 2022-11-15 \u00e0 09.31.35\" alt=\"Capture d\u2019\u00e9cran, le 2022-11-15 \u00e0 09.31.35\" style=\"width: 229px; height: 160px;\" \/> <\/a> <\/div> <div class=\"tiled-gallery-item tiled-gallery-item-small\" itemprop=\"associatedMedia\" itemscope itemtype=\"http:\/\/schema.org\/ImageObject\"> <a href=\"https:\/\/itayachtscanada.com\/fr\/listing\/arcadia-yacht-a85-2019-e4500000-euros-for-sale\/capture-decran-le-2022-11-15-a-09-31-31\/\" border=\"0\" itemprop=\"url\"> <meta itemprop=\"width\" content=\"229\"> <meta itemprop=\"height\" content=\"159\"> <img decoding=\"async\" class=\"\" data-attachment-id=\"85694\" data-orig-file=\"https:\/\/itayachtscanada.com\/wp-content\/uploads\/2022\/11\/Capture-decran-le-2022-11-15-a-09.31.31.png\" data-orig-size=\"1186,826\" data-comments-opened=\"1\" data-image-meta=\"{&quot;aperture&quot;:&quot;0&quot;,&quot;credit&quot;:&quot;&quot;,&quot;camera&quot;:&quot;&quot;,&quot;caption&quot;:&quot;&quot;,&quot;created_timestamp&quot;:&quot;0&quot;,&quot;copyright&quot;:&quot;&quot;,&quot;focal_length&quot;:&quot;0&quot;,&quot;iso&quot;:&quot;0&quot;,&quot;shutter_speed&quot;:&quot;0&quot;,&quot;title&quot;:&quot;&quot;,&quot;orientation&quot;:&quot;0&quot;}\" data-image-title=\"Capture d\u2019\u00e9cran, le 2022-11-15 \u00e0 09.31.31\" data-image-description=\"\" data-medium-file=\"https:\/\/i0.wp.com\/itayachtscanada.com\/wp-content\/uploads\/2022\/11\/Capture-decran-le-2022-11-15-a-09.31.31.png?fit=300%2C209&#038;ssl=1\" data-large-file=\"https:\/\/i0.wp.com\/itayachtscanada.com\/wp-content\/uploads\/2022\/11\/Capture-decran-le-2022-11-15-a-09.31.31.png?fit=700%2C487&#038;ssl=1\" src=\"https:\/\/i0.wp.com\/itayachtscanada.com\/wp-content\/uploads\/2022\/11\/Capture-decran-le-2022-11-15-a-09.31.31.png?w=229&#038;h=159&#038;ssl=1\" srcset=\"https:\/\/i0.wp.com\/itayachtscanada.com\/wp-content\/uploads\/2022\/11\/Capture-decran-le-2022-11-15-a-09.31.31.png?w=1186&amp;ssl=1 1186w, https:\/\/i0.wp.com\/itayachtscanada.com\/wp-content\/uploads\/2022\/11\/Capture-decran-le-2022-11-15-a-09.31.31.png?resize=300%2C209&amp;ssl=1 300w, https:\/\/i0.wp.com\/itayachtscanada.com\/wp-content\/uploads\/2022\/11\/Capture-decran-le-2022-11-15-a-09.31.31.png?resize=1024%2C713&amp;ssl=1 1024w, https:\/\/i0.wp.com\/itayachtscanada.com\/wp-content\/uploads\/2022\/11\/Capture-decran-le-2022-11-15-a-09.31.31.png?resize=768%2C535&amp;ssl=1 768w, https:\/\/i0.wp.com\/itayachtscanada.com\/wp-content\/uploads\/2022\/11\/Capture-decran-le-2022-11-15-a-09.31.31.png?resize=700%2C488&amp;ssl=1 700w, https:\/\/i0.wp.com\/itayachtscanada.com\/wp-content\/uploads\/2022\/11\/Capture-decran-le-2022-11-15-a-09.31.31.png?resize=574%2C400&amp;ssl=1 574w\" width=\"229\" height=\"159\" loading=\"lazy\" data-original-width=\"229\" data-original-height=\"159\" itemprop=\"http:\/\/schema.org\/image\" title=\"Capture d\u2019\u00e9cran, le 2022-11-15 \u00e0 09.31.31\" alt=\"Capture d\u2019\u00e9cran, le 2022-11-15 \u00e0 09.31.31\" style=\"width: 229px; height: 159px;\" \/> <\/a> <\/div> <\/div> <!-- close group --> <div class=\"gallery-group images-1\" style=\"width: 467px; height: 327px;\" data-original-width=\"467\" data-original-height=\"327\" > <div class=\"tiled-gallery-item tiled-gallery-item-large\" itemprop=\"associatedMedia\" itemscope itemtype=\"http:\/\/schema.org\/ImageObject\"> <a href=\"https:\/\/itayachtscanada.com\/fr\/listing\/arcadia-yacht-a85-2019-e4500000-euros-for-sale\/capture-decran-le-2022-11-15-a-09-31-29\/\" border=\"0\" itemprop=\"url\"> <meta itemprop=\"width\" content=\"463\"> <meta itemprop=\"height\" content=\"323\"> <img decoding=\"async\" class=\"\" data-attachment-id=\"85695\" data-orig-file=\"https:\/\/itayachtscanada.com\/wp-content\/uploads\/2022\/11\/Capture-decran-le-2022-11-15-a-09.31.29.png\" data-orig-size=\"1186,826\" data-comments-opened=\"1\" data-image-meta=\"{&quot;aperture&quot;:&quot;0&quot;,&quot;credit&quot;:&quot;&quot;,&quot;camera&quot;:&quot;&quot;,&quot;caption&quot;:&quot;&quot;,&quot;created_timestamp&quot;:&quot;0&quot;,&quot;copyright&quot;:&quot;&quot;,&quot;focal_length&quot;:&quot;0&quot;,&quot;iso&quot;:&quot;0&quot;,&quot;shutter_speed&quot;:&quot;0&quot;,&quot;title&quot;:&quot;&quot;,&quot;orientation&quot;:&quot;0&quot;}\" data-image-title=\"Capture d\u2019\u00e9cran, le 2022-11-15 \u00e0 09.31.29\" data-image-description=\"\" data-medium-file=\"https:\/\/i0.wp.com\/itayachtscanada.com\/wp-content\/uploads\/2022\/11\/Capture-decran-le-2022-11-15-a-09.31.29.png?fit=300%2C209&#038;ssl=1\" data-large-file=\"https:\/\/i0.wp.com\/itayachtscanada.com\/wp-content\/uploads\/2022\/11\/Capture-decran-le-2022-11-15-a-09.31.29.png?fit=700%2C487&#038;ssl=1\" src=\"https:\/\/i0.wp.com\/itayachtscanada.com\/wp-content\/uploads\/2022\/11\/Capture-decran-le-2022-11-15-a-09.31.29.png?w=463&#038;h=323&#038;ssl=1\" srcset=\"https:\/\/i0.wp.com\/itayachtscanada.com\/wp-content\/uploads\/2022\/11\/Capture-decran-le-2022-11-15-a-09.31.29.png?w=1186&amp;ssl=1 1186w, https:\/\/i0.wp.com\/itayachtscanada.com\/wp-content\/uploads\/2022\/11\/Capture-decran-le-2022-11-15-a-09.31.29.png?resize=300%2C209&amp;ssl=1 300w, https:\/\/i0.wp.com\/itayachtscanada.com\/wp-content\/uploads\/2022\/11\/Capture-decran-le-2022-11-15-a-09.31.29.png?resize=1024%2C713&amp;ssl=1 1024w, https:\/\/i0.wp.com\/itayachtscanada.com\/wp-content\/uploads\/2022\/11\/Capture-decran-le-2022-11-15-a-09.31.29.png?resize=768%2C535&amp;ssl=1 768w, https:\/\/i0.wp.com\/itayachtscanada.com\/wp-content\/uploads\/2022\/11\/Capture-decran-le-2022-11-15-a-09.31.29.png?resize=700%2C488&amp;ssl=1 700w, https:\/\/i0.wp.com\/itayachtscanada.com\/wp-content\/uploads\/2022\/11\/Capture-decran-le-2022-11-15-a-09.31.29.png?resize=574%2C400&amp;ssl=1 574w\" width=\"463\" height=\"323\" loading=\"lazy\" data-original-width=\"463\" data-original-height=\"323\" itemprop=\"http:\/\/schema.org\/image\" title=\"Capture d\u2019\u00e9cran, le 2022-11-15 \u00e0 09.31.29\" alt=\"Capture d\u2019\u00e9cran, le 2022-11-15 \u00e0 09.31.29\" style=\"width: 463px; height: 323px;\" \/> <\/a> <\/div> <\/div> <!-- close group --> <\/div> <!-- close row --> <div class=\"gallery-row\" style=\"width: 700px; height: 118px;\" data-original-width=\"700\" data-original-height=\"118\" > <div class=\"gallery-group images-1\" style=\"width: 167px; height: 118px;\" data-original-width=\"167\" data-original-height=\"118\" > <div class=\"tiled-gallery-item tiled-gallery-item-small\" itemprop=\"associatedMedia\" itemscope itemtype=\"http:\/\/schema.org\/ImageObject\"> <a href=\"https:\/\/itayachtscanada.com\/fr\/listing\/arcadia-yacht-a85-2019-e4500000-euros-for-sale\/capture-decran-le-2022-11-15-a-09-31-24\/\" border=\"0\" itemprop=\"url\"> <meta itemprop=\"width\" content=\"163\"> <meta itemprop=\"height\" content=\"114\"> <img decoding=\"async\" class=\"\" data-attachment-id=\"85696\" data-orig-file=\"https:\/\/itayachtscanada.com\/wp-content\/uploads\/2022\/11\/Capture-decran-le-2022-11-15-a-09.31.24.png\" data-orig-size=\"1186,826\" data-comments-opened=\"1\" data-image-meta=\"{&quot;aperture&quot;:&quot;0&quot;,&quot;credit&quot;:&quot;&quot;,&quot;camera&quot;:&quot;&quot;,&quot;caption&quot;:&quot;&quot;,&quot;created_timestamp&quot;:&quot;0&quot;,&quot;copyright&quot;:&quot;&quot;,&quot;focal_length&quot;:&quot;0&quot;,&quot;iso&quot;:&quot;0&quot;,&quot;shutter_speed&quot;:&quot;0&quot;,&quot;title&quot;:&quot;&quot;,&quot;orientation&quot;:&quot;0&quot;}\" data-image-title=\"Capture d\u2019\u00e9cran, le 2022-11-15 \u00e0 09.31.24\" data-image-description=\"\" data-medium-file=\"https:\/\/i0.wp.com\/itayachtscanada.com\/wp-content\/uploads\/2022\/11\/Capture-decran-le-2022-11-15-a-09.31.24.png?fit=300%2C209&#038;ssl=1\" data-large-file=\"https:\/\/i0.wp.com\/itayachtscanada.com\/wp-content\/uploads\/2022\/11\/Capture-decran-le-2022-11-15-a-09.31.24.png?fit=700%2C487&#038;ssl=1\" src=\"https:\/\/i0.wp.com\/itayachtscanada.com\/wp-content\/uploads\/2022\/11\/Capture-decran-le-2022-11-15-a-09.31.24.png?w=163&#038;h=114&#038;ssl=1\" srcset=\"https:\/\/i0.wp.com\/itayachtscanada.com\/wp-content\/uploads\/2022\/11\/Capture-decran-le-2022-11-15-a-09.31.24.png?w=1186&amp;ssl=1 1186w, https:\/\/i0.wp.com\/itayachtscanada.com\/wp-content\/uploads\/2022\/11\/Capture-decran-le-2022-11-15-a-09.31.24.png?resize=300%2C209&amp;ssl=1 300w, https:\/\/i0.wp.com\/itayachtscanada.com\/wp-content\/uploads\/2022\/11\/Capture-decran-le-2022-11-15-a-09.31.24.png?resize=1024%2C713&amp;ssl=1 1024w, https:\/\/i0.wp.com\/itayachtscanada.com\/wp-content\/uploads\/2022\/11\/Capture-decran-le-2022-11-15-a-09.31.24.png?resize=768%2C535&amp;ssl=1 768w, https:\/\/i0.wp.com\/itayachtscanada.com\/wp-content\/uploads\/2022\/11\/Capture-decran-le-2022-11-15-a-09.31.24.png?resize=700%2C488&amp;ssl=1 700w, https:\/\/i0.wp.com\/itayachtscanada.com\/wp-content\/uploads\/2022\/11\/Capture-decran-le-2022-11-15-a-09.31.24.png?resize=574%2C400&amp;ssl=1 574w\" width=\"163\" height=\"114\" loading=\"lazy\" data-original-width=\"163\" data-original-height=\"114\" itemprop=\"http:\/\/schema.org\/image\" title=\"Capture d\u2019\u00e9cran, le 2022-11-15 \u00e0 09.31.24\" alt=\"Capture d\u2019\u00e9cran, le 2022-11-15 \u00e0 09.31.24\" style=\"width: 163px; height: 114px;\" \/> <\/a> <\/div> <\/div> <!-- close group --> <div class=\"gallery-group images-1\" style=\"width: 196px; height: 118px;\" data-original-width=\"196\" data-original-height=\"118\" > <div class=\"tiled-gallery-item tiled-gallery-item-small\" itemprop=\"associatedMedia\" itemscope itemtype=\"http:\/\/schema.org\/ImageObject\"> <a href=\"https:\/\/itayachtscanada.com\/fr\/listing\/arcadia-yacht-a85-2019-e4500000-euros-for-sale\/layout-arcadia-a85\/\" border=\"0\" itemprop=\"url\"> <meta itemprop=\"width\" content=\"192\"> <meta itemprop=\"height\" content=\"114\"> <img decoding=\"async\" class=\"\" data-attachment-id=\"85699\" data-orig-file=\"https:\/\/itayachtscanada.com\/wp-content\/uploads\/2022\/11\/layout-Arcadia-A85.jpeg\" data-orig-size=\"2048,1213\" data-comments-opened=\"1\" data-image-meta=\"{&quot;aperture&quot;:&quot;0&quot;,&quot;credit&quot;:&quot;&quot;,&quot;camera&quot;:&quot;&quot;,&quot;caption&quot;:&quot;&quot;,&quot;created_timestamp&quot;:&quot;0&quot;,&quot;copyright&quot;:&quot;&quot;,&quot;focal_length&quot;:&quot;0&quot;,&quot;iso&quot;:&quot;0&quot;,&quot;shutter_speed&quot;:&quot;0&quot;,&quot;title&quot;:&quot;&quot;,&quot;orientation&quot;:&quot;0&quot;}\" data-image-title=\"layout Arcadia A85\" data-image-description=\"\" data-medium-file=\"https:\/\/i0.wp.com\/itayachtscanada.com\/wp-content\/uploads\/2022\/11\/layout-Arcadia-A85.jpeg?fit=300%2C178&#038;ssl=1\" data-large-file=\"https:\/\/i0.wp.com\/itayachtscanada.com\/wp-content\/uploads\/2022\/11\/layout-Arcadia-A85.jpeg?fit=700%2C415&#038;ssl=1\" src=\"https:\/\/i0.wp.com\/itayachtscanada.com\/wp-content\/uploads\/2022\/11\/layout-Arcadia-A85.jpeg?w=192&#038;h=114&#038;ssl=1\" srcset=\"https:\/\/i0.wp.com\/itayachtscanada.com\/wp-content\/uploads\/2022\/11\/layout-Arcadia-A85.jpeg?w=2048&amp;ssl=1 2048w, https:\/\/i0.wp.com\/itayachtscanada.com\/wp-content\/uploads\/2022\/11\/layout-Arcadia-A85.jpeg?resize=300%2C178&amp;ssl=1 300w, https:\/\/i0.wp.com\/itayachtscanada.com\/wp-content\/uploads\/2022\/11\/layout-Arcadia-A85.jpeg?resize=1024%2C607&amp;ssl=1 1024w, https:\/\/i0.wp.com\/itayachtscanada.com\/wp-content\/uploads\/2022\/11\/layout-Arcadia-A85.jpeg?resize=768%2C455&amp;ssl=1 768w, https:\/\/i0.wp.com\/itayachtscanada.com\/wp-content\/uploads\/2022\/11\/layout-Arcadia-A85.jpeg?resize=1536%2C910&amp;ssl=1 1536w, https:\/\/i0.wp.com\/itayachtscanada.com\/wp-content\/uploads\/2022\/11\/layout-Arcadia-A85.jpeg?resize=1200%2C711&amp;ssl=1 1200w, https:\/\/i0.wp.com\/itayachtscanada.com\/wp-content\/uploads\/2022\/11\/layout-Arcadia-A85.jpeg?resize=2000%2C1185&amp;ssl=1 2000w, https:\/\/i0.wp.com\/itayachtscanada.com\/wp-content\/uploads\/2022\/11\/layout-Arcadia-A85.jpeg?resize=700%2C415&amp;ssl=1 700w, https:\/\/i0.wp.com\/itayachtscanada.com\/wp-content\/uploads\/2022\/11\/layout-Arcadia-A85.jpeg?resize=675%2C400&amp;ssl=1 675w, https:\/\/i0.wp.com\/itayachtscanada.com\/wp-content\/uploads\/2022\/11\/layout-Arcadia-A85.jpeg?w=1400&amp;ssl=1 1400w\" width=\"192\" height=\"114\" loading=\"lazy\" data-original-width=\"192\" data-original-height=\"114\" itemprop=\"http:\/\/schema.org\/image\" title=\"layout Arcadia A85\" alt=\"layout Arcadia A85\" style=\"width: 192px; height: 114px;\" \/> <\/a> <\/div> <\/div> <!-- close group --> <div class=\"gallery-group images-1\" style=\"width: 169px; height: 118px;\" data-original-width=\"169\" data-original-height=\"118\" > <div class=\"tiled-gallery-item tiled-gallery-item-small\" itemprop=\"associatedMedia\" itemscope itemtype=\"http:\/\/schema.org\/ImageObject\"> <a href=\"https:\/\/itayachtscanada.com\/fr\/listing\/arcadia-yacht-a85-2019-e4500000-euros-for-sale\/capture-decran-le-2022-11-15-a-09-31-08\/\" border=\"0\" itemprop=\"url\"> <meta itemprop=\"width\" content=\"165\"> <meta itemprop=\"height\" content=\"114\"> <img decoding=\"async\" class=\"\" data-attachment-id=\"85697\" data-orig-file=\"https:\/\/itayachtscanada.com\/wp-content\/uploads\/2022\/11\/Capture-decran-le-2022-11-15-a-09.31.08.png\" data-orig-size=\"1196,826\" data-comments-opened=\"1\" data-image-meta=\"{&quot;aperture&quot;:&quot;0&quot;,&quot;credit&quot;:&quot;&quot;,&quot;camera&quot;:&quot;&quot;,&quot;caption&quot;:&quot;&quot;,&quot;created_timestamp&quot;:&quot;0&quot;,&quot;copyright&quot;:&quot;&quot;,&quot;focal_length&quot;:&quot;0&quot;,&quot;iso&quot;:&quot;0&quot;,&quot;shutter_speed&quot;:&quot;0&quot;,&quot;title&quot;:&quot;&quot;,&quot;orientation&quot;:&quot;0&quot;}\" data-image-title=\"Capture d\u2019\u00e9cran, le 2022-11-15 \u00e0 09.31.08\" data-image-description=\"\" data-medium-file=\"https:\/\/i0.wp.com\/itayachtscanada.com\/wp-content\/uploads\/2022\/11\/Capture-decran-le-2022-11-15-a-09.31.08.png?fit=300%2C207&#038;ssl=1\" data-large-file=\"https:\/\/i0.wp.com\/itayachtscanada.com\/wp-content\/uploads\/2022\/11\/Capture-decran-le-2022-11-15-a-09.31.08.png?fit=700%2C483&#038;ssl=1\" src=\"https:\/\/i0.wp.com\/itayachtscanada.com\/wp-content\/uploads\/2022\/11\/Capture-decran-le-2022-11-15-a-09.31.08.png?w=165&#038;h=114&#038;ssl=1\" srcset=\"https:\/\/i0.wp.com\/itayachtscanada.com\/wp-content\/uploads\/2022\/11\/Capture-decran-le-2022-11-15-a-09.31.08.png?w=1196&amp;ssl=1 1196w, https:\/\/i0.wp.com\/itayachtscanada.com\/wp-content\/uploads\/2022\/11\/Capture-decran-le-2022-11-15-a-09.31.08.png?resize=300%2C207&amp;ssl=1 300w, https:\/\/i0.wp.com\/itayachtscanada.com\/wp-content\/uploads\/2022\/11\/Capture-decran-le-2022-11-15-a-09.31.08.png?resize=1024%2C707&amp;ssl=1 1024w, https:\/\/i0.wp.com\/itayachtscanada.com\/wp-content\/uploads\/2022\/11\/Capture-decran-le-2022-11-15-a-09.31.08.png?resize=768%2C530&amp;ssl=1 768w, https:\/\/i0.wp.com\/itayachtscanada.com\/wp-content\/uploads\/2022\/11\/Capture-decran-le-2022-11-15-a-09.31.08.png?resize=700%2C483&amp;ssl=1 700w, https:\/\/i0.wp.com\/itayachtscanada.com\/wp-content\/uploads\/2022\/11\/Capture-decran-le-2022-11-15-a-09.31.08.png?resize=579%2C400&amp;ssl=1 579w\" width=\"165\" height=\"114\" loading=\"lazy\" data-original-width=\"165\" data-original-height=\"114\" itemprop=\"http:\/\/schema.org\/image\" title=\"Capture d\u2019\u00e9cran, le 2022-11-15 \u00e0 09.31.08\" alt=\"Capture d\u2019\u00e9cran, le 2022-11-15 \u00e0 09.31.08\" style=\"width: 165px; height: 114px;\" \/> <\/a> <\/div> <\/div> <!-- close group --> <div class=\"gallery-group images-1\" style=\"width: 168px; height: 118px;\" data-original-width=\"168\" data-original-height=\"118\" > <div class=\"tiled-gallery-item tiled-gallery-item-small\" itemprop=\"associatedMedia\" itemscope itemtype=\"http:\/\/schema.org\/ImageObject\"> <a href=\"https:\/\/itayachtscanada.com\/fr\/listing\/arcadia-yacht-a85-2019-e4500000-euros-for-sale\/capture-decran-le-2022-11-15-a-09-31-03\/\" border=\"0\" itemprop=\"url\"> <meta itemprop=\"width\" content=\"164\"> <meta itemprop=\"height\" content=\"114\"> <img decoding=\"async\" class=\"\" data-attachment-id=\"85698\" data-orig-file=\"https:\/\/itayachtscanada.com\/wp-content\/uploads\/2022\/11\/Capture-decran-le-2022-11-15-a-09.31.03.png\" data-orig-size=\"1196,826\" data-comments-opened=\"1\" data-image-meta=\"{&quot;aperture&quot;:&quot;0&quot;,&quot;credit&quot;:&quot;&quot;,&quot;camera&quot;:&quot;&quot;,&quot;caption&quot;:&quot;&quot;,&quot;created_timestamp&quot;:&quot;0&quot;,&quot;copyright&quot;:&quot;&quot;,&quot;focal_length&quot;:&quot;0&quot;,&quot;iso&quot;:&quot;0&quot;,&quot;shutter_speed&quot;:&quot;0&quot;,&quot;title&quot;:&quot;&quot;,&quot;orientation&quot;:&quot;0&quot;}\" data-image-title=\"Capture d\u2019\u00e9cran, le 2022-11-15 \u00e0 09.31.03\" data-image-description=\"\" data-medium-file=\"https:\/\/i0.wp.com\/itayachtscanada.com\/wp-content\/uploads\/2022\/11\/Capture-decran-le-2022-11-15-a-09.31.03.png?fit=300%2C207&#038;ssl=1\" data-large-file=\"https:\/\/i0.wp.com\/itayachtscanada.com\/wp-content\/uploads\/2022\/11\/Capture-decran-le-2022-11-15-a-09.31.03.png?fit=700%2C483&#038;ssl=1\" src=\"https:\/\/i0.wp.com\/itayachtscanada.com\/wp-content\/uploads\/2022\/11\/Capture-decran-le-2022-11-15-a-09.31.03.png?w=164&#038;h=114&#038;ssl=1\" srcset=\"https:\/\/i0.wp.com\/itayachtscanada.com\/wp-content\/uploads\/2022\/11\/Capture-decran-le-2022-11-15-a-09.31.03.png?w=1196&amp;ssl=1 1196w, https:\/\/i0.wp.com\/itayachtscanada.com\/wp-content\/uploads\/2022\/11\/Capture-decran-le-2022-11-15-a-09.31.03.png?resize=300%2C207&amp;ssl=1 300w, https:\/\/i0.wp.com\/itayachtscanada.com\/wp-content\/uploads\/2022\/11\/Capture-decran-le-2022-11-15-a-09.31.03.png?resize=1024%2C707&amp;ssl=1 1024w, https:\/\/i0.wp.com\/itayachtscanada.com\/wp-content\/uploads\/2022\/11\/Capture-decran-le-2022-11-15-a-09.31.03.png?resize=768%2C530&amp;ssl=1 768w, https:\/\/i0.wp.com\/itayachtscanada.com\/wp-content\/uploads\/2022\/11\/Capture-decran-le-2022-11-15-a-09.31.03.png?resize=700%2C483&amp;ssl=1 700w, https:\/\/i0.wp.com\/itayachtscanada.com\/wp-content\/uploads\/2022\/11\/Capture-decran-le-2022-11-15-a-09.31.03.png?resize=579%2C400&amp;ssl=1 579w\" width=\"164\" height=\"114\" loading=\"lazy\" data-original-width=\"164\" data-original-height=\"114\" itemprop=\"http:\/\/schema.org\/image\" title=\"Capture d\u2019\u00e9cran, le 2022-11-15 \u00e0 09.31.03\" alt=\"Capture d\u2019\u00e9cran, le 2022-11-15 \u00e0 09.31.03\" style=\"width: 164px; height: 114px;\" \/> <\/a> <\/div> <\/div> <!-- close group --> <\/div> <!-- close row --> <\/div>\n<p>&nbsp;<\/p>\n<div class=\"jetpack-video-wrapper\"><span class=\"embed-youtube\" style=\"text-align:center; display: block;\"><iframe loading=\"lazy\" class=\"youtube-player\" width=\"700\" height=\"394\" src=\"https:\/\/www.youtube.com\/embed\/yaCRG8feA6o?version=3&#038;rel=1&#038;showsearch=0&#038;showinfo=1&#038;iv_load_policy=1&#038;fs=1&#038;hl=fr-FR&#038;autohide=2&#038;wmode=transparent\" allowfullscreen=\"true\" style=\"border:0;\" sandbox=\"allow-scripts allow-same-origin allow-popups allow-presentation allow-popups-to-escape-sandbox\"><\/iframe><\/span><\/div>\n<p>&nbsp;<\/p>\n<p>&nbsp;<\/p>\n<div class=\"jetpack-video-wrapper\"><span class=\"embed-youtube\" style=\"text-align:center; display: block;\"><iframe loading=\"lazy\" class=\"youtube-player\" width=\"700\" height=\"394\" src=\"https:\/\/www.youtube.com\/embed\/3fwVErxC1yE?version=3&#038;rel=1&#038;showsearch=0&#038;showinfo=1&#038;iv_load_policy=1&#038;fs=1&#038;hl=fr-FR&#038;autohide=2&#038;wmode=transparent\" allowfullscreen=\"true\" style=\"border:0;\" sandbox=\"allow-scripts allow-same-origin allow-popups allow-presentation allow-popups-to-escape-sandbox\"><\/iframe><\/span><\/div>\n<p>&nbsp;<\/p>\n<p>&nbsp;<\/p>\n<div class=\"jetpack-video-wrapper\"><span class=\"embed-youtube\" style=\"text-align:center; display: block;\"><iframe loading=\"lazy\" class=\"youtube-player\" width=\"700\" height=\"394\" src=\"https:\/\/www.youtube.com\/embed\/9bg3ynhI4SA?version=3&#038;rel=1&#038;showsearch=0&#038;showinfo=1&#038;iv_load_policy=1&#038;fs=1&#038;hl=fr-FR&#038;autohide=2&#038;wmode=transparent\" allowfullscreen=\"true\" style=\"border:0;\" sandbox=\"allow-scripts allow-same-origin allow-popups allow-presentation allow-popups-to-escape-sandbox\"><\/iframe><\/span><\/div>\n<\/div>\n<div>\n<div class=\"content-header\">\n<div><\/div>\n<\/div>\n<\/div>\n<p>&nbsp;<\/p>\n<div>\n<p><b>Ita Yachts Canada propose de vous assister et de voir \u00e0 vos int\u00e9r\u00eats pour l\u2019achat de ce yacht qui est \u00e0 vendre par une autre organisation. Nous serons pr\u00e9sents lors de l\u2019inspection et tout au long de la transaction et ce peu importe sa localisation. L\u2019\u00e9quipe d\u2019Ita Yachts Canada se soumet au plus haut standard d\u2019\u00e9thique.<\/b><\/p>\n<\/div>\n<p>&nbsp;<\/p>\n<p>Sp\u00e9cifications<\/p>\n<p>Longueur : 25,91 m<br \/>\nLargeur : 7,14 m<br \/>\nTirant d&rsquo;eau : 1.66 m<br \/>\nAnn\u00e9e de construction : 2019 &#8211; coque 16<br \/>\nConstructeur : Arcadia Yachts<br \/>\nMod\u00e8le : A85<br \/>\nArchitecte naval : Arcadia Yachts<\/p>\n<p>Designer ext\u00e9rieur : Francesco Guida Design<br \/>\nGT : 109<br \/>\nCoque : Fibre de verre<br \/>\nCouleur de la coque : Blanc AWLCRAFT<br \/>\nConfiguration de la coque : Semi-planning<br \/>\nSuperstructure : Fibre de verre<\/p>\n<p>Drapeau : Malte<br \/>\nClassification : D\u00e9claration de conformit\u00e9 RINA UE cat\u00e9gorie B<\/p>\n<p>Moteurs principaux : 2 x MAN i6-730hp avec 1520 heures de fonctionnement<br \/>\nCarburant : 9,300 L<br \/>\nEau : 1,600 L<br \/>\nVitesse : 12 n\u0153uds<br \/>\nVitesse de croisi\u00e8re : 10 noeuds<br \/>\nMaximum : 16 noeuds<\/p>\n<p>Nombre de cabines : 4<br \/>\nInvit\u00e9s : 8<br \/>\nConfiguration des couchages : 2 doubles et 2 Twins, 4 couchettes simples<br \/>\nCabines d&rsquo;\u00e9quipage\/couchettes : 2\/4<\/p>\n<p>Machinerie<br \/>\nMoteurs principaux<br \/>\nMarque\/Mod\u00e8le du moteur :\u00a0 2 x MAN i6-730hp<br \/>\nHeures moteur : 1520<br \/>\nBo\u00eetes de vitesse pour les moteurs principaux : ZF 325 IV<br \/>\nEntra\u00eenement : Arbre Marinox 17<\/p>\n<p>Vitesse Consommation par heure Gamme RPM<br \/>\nMaximum : 15,5kn &#8211; 280l\/h &#8211; 500Nm &#8211; 2200 RPM<br \/>\nCroisi\u00e8re : 10kn &#8211; 64l\/h &#8211; 950Nm &#8211; 1200 RPM<\/p>\n<p>G\u00e9n\u00e9rateurs et \u00e9lectricit\u00e9<br \/>\nSortie : Contact Phoenix<br \/>\nG\u00e9n\u00e9rateurs : 2 x Kohler 28 KW 50 Kz<br \/>\nHeures d&rsquo;utilisation des g\u00e9n\u00e9rateurs : Stab 2111 Port 2103<br \/>\nConsommation de carburant du groupe \u00e9lectrog\u00e8ne : 10\/15 L\/H<br \/>\nPrise de quai : 220v &#8211; 50Hz 63 A<br \/>\nPanneaux solaires : 4.7kw<\/p>\n<p>Batteries<br \/>\nD\u00e9marrage du moteur principal : 24V &#8211; 300 Ah<br \/>\nD\u00e9marrage du groupe \u00e9lectrog\u00e8ne : 12V &#8211; 150 Ah CHACUN<\/p>\n<p>Climatisation<br \/>\nType : Dometic PCWM 30004 Syst\u00e8me de condensation de type m\u00e9diterran\u00e9en 120.000 Btu\/h<\/p>\n<p>Autres machines<br \/>\nDessalinisateurs : Idromar 180l<br \/>\nTrim Tabs\/Stabilisateurs : CMC Electric &#8211; HS60<br \/>\nPropulseur d&rsquo;\u00e9trave : CMC Marine BTM 30 EA &#8211; \u00c9lectrique 25KW<br \/>\nSyst\u00e8me de direction : Syst\u00e8me de direction hydraulique &#8211; BCS<br \/>\nS\u00e9parateur et filtration de carburant : Alfa Laval MiB 303S -13\/33<br \/>\nSyst\u00e8me d&rsquo;\u00e9vacuation des eaux us\u00e9es : Selmar blue Sea Plus 2500<br \/>\nSyst\u00e8me d&rsquo;eau douce : Autoclave 1 x 220 w, 1 x 24 w<\/p>\n<p>Syst\u00e8mes de communication<br \/>\nVHF : Raymarine RAY90\/91<br \/>\nSyst\u00e8me de t\u00e9l\u00e9phone cellulaire : Fritz<\/p>\n<p>Syst\u00e8mes de navigation<br \/>\nRadars : Raymarine quantum 2<br \/>\nGyrocompas : Airmar<br \/>\nPilote automatique : Raymarine p70s &#8211; Evolution EV1 et ACU<br \/>\nSondeur : Raymarine CP100<br \/>\nVision nocturne : Cam\u00e9ra thermique Flir &#8211; Raymarine T350<br \/>\nGPS : Raymarine RS150<\/p>\n<p>\u00c9quipement de la cuisine et de la buanderie<br \/>\n\u00c9quipement de la cuisine principale<br \/>\n\u00c9quipement de cuisson : Plaque de cuisson v\u00e9troc\u00e9ramique \u00e0 4 br\u00fbleurs<br \/>\nR\u00e9frig\u00e9ration\/Cong\u00e9lateur : R\u00e9frig\u00e9rateur Bosch KAN 90V120 380l et cong\u00e9lateur 100 L<br \/>\nLave-vaisselle : Bosch SMV46<\/p>\n<p>\u00c9quipement suppl\u00e9mentaire de la cuisine<br \/>\n\u00c9quipement de cuisson : Four \u00e0 micro-ondes Bosch BFL634G.1 , Four multifonction, Hotte aspirante Bosch DHL535C<\/p>\n<p>Autre : 2 x Cave \u00e0 vin Liebherr UW1682<\/p>\n<p>\u00c9quipement de la buanderie<br \/>\n\u00c9quipement principal de buanderie : Machine \u00e0 laver et s\u00e8che-linge Miele<\/p>\n<p>Tenders &amp; Jouets<br \/>\nTenders : Williams SportJet 395<br \/>\nAutres : 2 x Bicyclettes \u00e9lectriques, 2 x SUPs<\/p>\n<p>\u00c9quipement du pont<br \/>\nGuindeau d&rsquo;ancre : Lofrans &#8211; Project X4 R\/O<br \/>\nCabestans d&rsquo;ourdissage arri\u00e8re : Lofrans &#8211; T. 1700<br \/>\nAncres : 80kg<br \/>\nCha\u00eene d&rsquo;ancre : 150m de cha\u00eene de 12mm de diam\u00e8tre<br \/>\nGrue et bossoirs : Opacmare<br \/>\nPasserelle : Opacmare 4,0 m\/150kg<br \/>\nPlate-forme de natation : Extra pour monter et descendre 900kg<\/p>\n<p>Equipement de s\u00e9curit\u00e9<br \/>\nRadeaux de sauvetage : Spa Eurovinil. 2x 8 personnes chacun<br \/>\nAnneaux de sauvetage : 16 gilets de sauvetage<br \/>\nFus\u00e9es de d\u00e9tresse : Oui<br \/>\nEquipement m\u00e9dical : Trousse de premiers soins certifi\u00e9e<\/p>\n<div>\n<p>&nbsp;<\/p>\n<\/div>\n<div>\n<div>\n<p><strong>AVIS DE NON-RESPONSABILIT\u00c9<\/strong><\/p>\n<\/div>\n<div>\n<p><strong>Le bateau qui est pr\u00e9sent\u00e9 sur cette page, l\u2019est uniquement \u00e0 titre d&rsquo;information et n&rsquo;est pas n\u00e9cessairement toujours disponible \u00e0 la vente et\/ou \u00e0 la location.<\/strong><span class=\"apple-converted-space\"><b>\u00a0<\/b><\/span><strong>Ce bateau est peut-\u00eatre offert sous r\u00e9serve, il faut v\u00e9rifier sa disponibilit\u00e9.<\/strong><span class=\"apple-converted-space\"><b>\u00a0<\/b><\/span><strong>\u00a0Ce document ou cette annonce n&rsquo;est pas contractuel. Les informations sur les bateaux affich\u00e9es dans les r\u00e9sultats ci-dessus sont pr\u00e9sent\u00e9es en toute bonne foi et, bien qu&rsquo;elles soient consid\u00e9r\u00e9es comme correctes, elles ne sont pas garanties. Ita Yachts Canada ne garantit pas et n&rsquo;assume aucune responsabilit\u00e9 l\u00e9gale ou responsabilit\u00e9 pour l&rsquo;exactitude, l&rsquo;exhaustivit\u00e9 ou l&rsquo;utilit\u00e9 des informations et\/ou des images affich\u00e9es, car elles peuvent ne pas \u00eatre \u00e0 jour ou encore \u00eatres des images d&rsquo;un bateau comparable. Toutes les informations sur les bateaux peuvent \u00eatre modifi\u00e9es sans pr\u00e9avis et sont sans garantie.<\/strong><span class=\"apple-converted-space\">\u00a0<\/span><strong>Ce bateau est peut-\u00eatre offert par un autre courtier ouvert au co-courtage (co-brokerage).<\/strong><\/p>\n<\/div>\n<\/div>\n<p>&nbsp;<\/p>\n<div data-test='contact-form'\n\t\t\tid='contact-form-85625'\n\t\t\tclass='jetpack-contact-form-container '\n\t\t\tdata-wp-interactive='jetpack\/form' data-wp-context='{\"formId\":\"85625\",\"formHash\":\"85902e1d2726ac087ff84701c0807a4ee37a4ba6\",\"showErrors\":false,\"errors\":[],\"fields\":[],\"isMultiStep\":false,\"useAjax\":false,\"submissionData\":null,\"formattedSubmissionData\":[],\"submissionSuccess\":false,\"submissionError\":null,\"elementId\":\"jp-form-85902e1d2726ac087ff84701c0807a4ee37a4ba6\",\"isSingleInputForm\":false,\"isForcedHorizontal\":false}'\n\t\t\tdata-wp-watch--scroll-to-wrapper=\"callbacks.scrollToWrapper\"\n\t\t>\n<div class=\"contact-form-submission contact-form-ajax-submission\" data-wp-bind--aria-hidden=\"state.isSuccessMessageAriaHidden\" data-wp-class--submission-success=\"context.submissionSuccess\" id=\"contact-form-success-85902e1d2726ac087ff84701c0807a4ee37a4ba6\" tabindex=\"-1\" aria-labelledby=\"contact-form-success-header-85902e1d2726ac087ff84701c0807a4ee37a4ba6\"><p class=\"go-back-message\"><a class=\"link\" role=\"button\" tabindex=\"0\" data-wp-on--click=\"actions.goBack\" href=\"\/fr\/wp-json\/wp\/v2\/listing\/85625\">\u2190 Retour<\/a><\/p><h4 data-wp-bind--aria-hidden=\"state.isSuccessMessageAriaHidden\" id=\"contact-form-success-header-85902e1d2726ac087ff84701c0807a4ee37a4ba6\">Merci pour votre r\u00e9ponse. \u2728<\/h4>\n\n<template data-wp-each--submission=\"context.formattedSubmissionData\">\n\t\t\t\t\t<div class=\"jetpack_forms_contact-form-success-summary\">\n\t\t\t\t\t\t<div class=\"field-name-wrapper\">\n\t\t\t\t\t\t\t<div class=\"field-type-icon\" data-wp-watch=\"callbacks.watchFieldTypeIcon\"><\/div>\n\t\t\t\t\t\t\t<div class=\"field-name\" data-wp-text=\"context.submission.label\" data-wp-bind--hidden=\"!context.submission.label\"><\/div>\n\t\t\t\t\t\t<\/div>\n\t\t\t\t\t\t<div class=\"field-value\" data-wp-text=\"context.submission.value\" data-wp-bind--hidden=\"!context.submission.showPlainValue\"><\/div>\n\t\t\t\t\t\t<a class=\"field-url\" data-wp-bind--href=\"context.submission.url\" data-wp-text=\"context.submission.value\" data-wp-bind--hidden=\"!context.submission.url\" target=\"_blank\" rel=\"noopener noreferrer\"><\/a>\n\t\t\t\t\t\t<div class=\"field-rating\" data-wp-bind--hidden=\"!context.submission.rating\" data-wp-watch=\"callbacks.watchRatingIcons\"><\/div>\n\t\t\t\t\t\t<div class=\"field-images\" data-wp-bind--hidden=\"!context.submission.images\">\n\t\t\t\t\t\t\t<template data-wp-each--image=\"context.submission.images\">\n\t\t\t\t\t\t\t\t<div class=\"field-image-option\" data-wp-class--is-empty=\"!context.image.src\">\n\t\t\t\t\t\t\t\t\t<figure class=\"field-image-option__image\" data-wp-class--is-empty=\"!context.image.src\">\n\t\t\t\t\t\t\t\t\t\t<img data-wp-bind--src=\"context.image.src\" data-wp-bind--hidden=\"!context.image.src\" \/>\n\t\t\t\t\t\t\t\t\t\t<img decoding=\"async\" src=\"data:image\/gif;base64,R0lGODlhAQABAAD\/ACwAAAAAAQABAAACADs=\" data-wp-bind--hidden=\"context.image.src\" \/>\n\t\t\t\t\t\t\t\t\t<\/figure>\n\t\t\t\t\t\t\t\t\t<div class=\"field-image-option__label-wrapper\">\n\t\t\t\t\t\t\t\t\t\t<span class=\"field-image-option__label-code\" data-wp-text=\"context.image.letterCode\"><\/span>\n\t\t\t\t\t\t\t\t\t\t<span class=\"field-image-option__label\" data-wp-text=\"context.image.label\" data-wp-bind--hidden=\"!context.image.label\"><\/span>\n\t\t\t\t\t\t\t\t\t<\/div>\n\t\t\t\t\t\t\t\t<\/div>\n\t\t\t\t\t\t\t<\/template>\n\t\t\t\t\t\t<\/div>\n\t\t\t\t\t\t<div class=\"field-files\" data-wp-bind--hidden=\"!context.submission.files\">\n\t\t\t\t\t\t\t<template data-wp-each--file=\"context.submission.files\">\n\t\t\t\t\t\t\t\t<div class=\"field-file\">\n\t\t\t\t\t\t\t\t\t<div class=\"field-file__thumbnail\" data-wp-style--background-image=\"context.file.previewUrl\" data-wp-style--mask-image=\"context.file.iconUrl\" data-wp-bind--hidden=\"!context.file.hasPreview\"><\/div>\n\t\t\t\t\t\t\t\t\t<svg class=\"field-file__icon\" data-wp-bind--hidden=\"context.file.hasPreview\" width=\"20\" height=\"20\" viewBox=\"0 0 24 24\" fill=\"none\" xmlns=\"http:\/\/www.w3.org\/2000\/svg\" aria-hidden=\"true\">\n\t\t\t\t\t\t\t\t\t\t<path d=\"M14 2H6C4.9 2 4 2.9 4 4V20C4 21.1 4.89 22 5.99 22H18C19.1 22 20 21.1 20 20V8L14 2ZM18 20H6V4H13V9H18V20Z\" fill=\"currentColor\"\/>\n\t\t\t\t\t\t\t\t\t<\/svg>\n\t\t\t\t\t\t\t\t\t<span class=\"field-file__name\" data-wp-text=\"context.file.name\"><\/span>\n\t\t\t\t\t\t\t\t\t<span class=\"field-file__size\" data-wp-text=\"context.file.size\"><\/span>\n\t\t\t\t\t\t\t\t<\/div>\n\t\t\t\t\t\t\t<\/template>\n\t\t\t\t\t\t<\/div>\n\t\t\t\t\t<\/div>\n\t\t\t\t<\/template><\/div><form action='https:\/\/itayachtscanada.com\/fr\/listing\/arcadia-yacht-a85-2019-e4500000-euros-for-sale\/'\n\t\t\t\tid='jp-form-85902e1d2726ac087ff84701c0807a4ee37a4ba6'\n\t\t\t\tmethod='post'\n\t\t\t\tclass='contact-form commentsblock jetpack-contact-form__form has-no-jetpack-form-layout' aria-label=\"{:en}Arcadia Yacht A85 2019 \u20ac3,990,000 euros for sale{:}{:fr}Arcadia Yacht A85 2019 \u20ac3,990,000 euros a vendre{:}\"\n\t\t\t\tdata-wp-on--submit=\"actions.onFormSubmit\"\n\t\t\t\tdata-wp-on--reset=\"actions.onFormReset\"\n\t\t\t\tdata-wp-class--submission-success=\"context.submissionSuccess\"\n\t\t\t\tdata-wp-class--is-first-step=\"state.isFirstStep\"\n\t\t\t\tdata-wp-class--is-last-step=\"state.isLastStep\"\n\t\t\t\tdata-wp-class--is-ajax-form=\"context.useAjax\"\n\t\t\t\tnovalidate >\n<input type='hidden' name='jetpack_contact_form_jwt' value='eyJ0eXAiOiJKV1QiLCJhbGciOiJIUzI1NiJ9.eyJlbmNyeXB0ZWRfYXR0cmlidXRlcyI6InN5STJKYi90bWo1dzIycG0wTzJZQUVxeU83MUpuN3d0NDg1eUF6eldqMml6VnEzQStUa2ttODg3WXBaYUtPR0V2NzMrR3NkaXlOWXhxTWhzSDVNSk9lZjQxZnVHMWxEVHZ3V3V2QmFGaDB6UFJvaEFOaGRVbDJtaUsydVRLa1ZZSTZNZks5QmhCTW1uR0prZThzczJzclZERGpFQnltTVFsaHhESTVINzEvOFJqUUx6Y0x2ckQ4S3Z1NW9WQlNONVFnZkRPQWpDM2lsOGVOSVFvRkJFN2x6Qi9DUCs3eGhoSFFWTDhYeTFTU1JIZCtsYTR0U0xEMG9taU1CTDlOMFg2TTd6SkE4T055RjFiWkR5KzJuckpoUDY3R1Nkd21HSG11QWJKWitVaE1iVVVoL1NMV2wvaThvM3ZIanI3OWlITWlsTTBFOW1ZaDBPSllvRmRiYXhuNjNkQ1Q3Nkgvb0d3RmpJZG9maWRHZjNhSjQ0NUtJVFV3czhhSTFzZHg0aXdYSGVON0xKSmFYR1NhKys1YlFvVG8wK2pxL3hXM1pUZFJsUkZob280N1ZkZlZ4OFBuWW0wQkczL3VCbStVSjdSY0ZJbkRuYnlObDh1eVAyREN0VGJYaHZCcTlRaUxtYURlbTkrdVZVc000c0U5eG5VTDQ4c2ZOTlNLZlhLcCtZbWViOGhaQ05UZXFTZWxxZFdhK0ROR2VqeXFidGN4MVdWOW9OQjc3MGRCTHVNNlBpWGlzc2ptLzc1L1Rib09JSGFDOTI3bDlnZzFib0lVM2ZXNFp3NG96VkhXR0o1cTFZdER4QTdqS05MeUw2MjVreUlLM1dvRWtvT0ZrTUkySTFxMkdRRFNVNDMrMGs4cVlzR0dxRzQ3MHQwRHBoazlYb1RMcGkwRm1laUVyZ2w2K29wSHJFRzZKbk1nUU1tbDNjcVlXT04vZVdwcGNySFFOVHZhczdtNW0xT1Z4eXd5SGp0bk16NXVMWTVzNy9LQ0dnVTFuazZNTHBFMHU1dVA5amJjbm96ejRMcnduQ3k3bzhwZGkxTkVBWEdJbmwvemRqUFUvV3RPVzN5M04zRFNKZ25ib0dUNEZRVlVQZk5oeks5bU1HZ0phOUZMMWNRRFlQUkhoSmZtVm82V0hwaGFUeE9zN0NleGo4cEYzaDFDZkFaR28xeEhuRDZTNERQL1ZkdlBMYVVTQnREOHBZMU9zWjhrSksyWmZBZEQvWGp6eWNSTmd1RVd3bTZPcUl4cGV5QVhIMFNUR0tmR1RjNFNtbVpFcElLUTE0aFcvYW1KZnFObDZmOFl2NHppZVIiLCJjb250ZW50IjoiW2NvbnRhY3QtZmllbGQgbGFiZWw9XCJOT01cIiB0eXBlPVwibmFtZVwiIHJlcXVpcmVkPVwiMVwiXVtjb250YWN0LWZpZWxkIGxhYmVsPVwiRS1tYWlsXCIgdHlwZT1cImVtYWlsXCIgcmVxdWlyZWQ9XCIxXCJdW2NvbnRhY3QtZmllbGQgbGFiZWw9XCJBdSBzdWpldCBkZSBjZSB5YWNodCA6XCIgdHlwZT1cInRleHRcIl1bY29udGFjdC1maWVsZCBsYWJlbD1cIk1lc3NhZ2VcIiB0eXBlPVwidGV4dGFyZWFcIl0iLCJoYXNoIjoiODU5MDJlMWQyNzI2YWMwODdmZjg0NzAxYzA4MDdhNGVlMzdhNGJhNiIsInNvdXJjZSI6eyJlbnRyeV90aXRsZSI6IkFyY2FkaWEgWWFjaHQgQTg1IDIwMTkgXHUyMGFjMyw5OTAsMDAwIGV1cm9zIGEgdmVuZHJlIiwiZW50cnlfcGFnZSI6MSwic291cmNlX2lkIjo4NTYyNSwic291cmNlX3R5cGUiOiJzaW5nbGUiLCJyZXF1ZXN0X3VybCI6Imh0dHBzOi8vaXRheWFjaHRzY2FuYWRhLmNvbS9mci93cC1qc29uL3dwL3YyL2xpc3RpbmcvODU2MjUifSwidmVyc2lvbiI6MiwiY2lwaGVyIjoiYWVzLTI1Ni1nY20ifQ.YCgzXEnreOaULNWYBGACqOop4qRqY4LKAwVfEo0_jQA' \/>\n\n<div style=\"\"  data-wp-interactive=\"jetpack\/form\" data-wp-context='{\"fieldId\":\"g85625-nom\",\"fieldType\":\"name\",\"fieldLabel\":\"NOM\",\"fieldValue\":\"\",\"fieldPlaceholder\":\"\",\"fieldIsRequired\":\"1\",\"fieldErrorMessage\":\"\",\"fieldExtra\":[],\"formHash\":\"85902e1d2726ac087ff84701c0807a4ee37a4ba6\"}'  class='grunion-field-name-wrap grunion-field-wrap'  data-wp-init='callbacks.initializeField' data-wp-on--jetpack-form-reset='callbacks.initializeField' >\n<label\n\t\t\t\tfor='g85625-nom' class=\"grunion-field-label name\" >NOM<span class=\"grunion-label-required\" aria-hidden=\"true\">(obligatoire)<\/span><\/label>\n<input\n\t\t\t\t\ttype='text'\n\t\t\t\t\tname='g85625-nom'\n\t\t\t\t\tid='g85625-nom'\n\t\t\t\t\tvalue=''\n\n\t\t\t\t\tdata-wp-bind--aria-invalid='state.fieldAriaInvalid'\n\t\t\t\t\tdata-wp-bind--value='state.getFieldValue'\n\t\t\t\t\taria-describedby='g85625-nom-text-error-message'\n\t\t\t\t\tdata-wp-on--input='actions.onFieldChange'\n\t\t\t\t\tdata-wp-on--blur='actions.onFieldBlur'\n\t\t\t\t\tdata-wp-class--has-value='state.hasFieldValue'\n\n\t\t\t\t\tclass='name  grunion-field' \n\t\t\t\t\trequired='true' aria-required='true'  \/>\n \n\t\t\t<div id=\"g85625-nom-text-error\" class=\"contact-form__input-error\" data-wp-class--has-errors=\"state.fieldHasErrors\">\n\t\t\t\t<span class=\"contact-form__warning-icon\" aria-hidden=\"true\">\n\t\t\t\t\t<svg width=\"16\" height=\"16\" viewBox=\"0 0 16 16\" fill=\"none\" xmlns=\"http:\/\/www.w3.org\/2000\/svg\">\n\t\t\t\t\t\t<path d=\"M8.50015 11.6402H7.50015V10.6402H8.50015V11.6402Z\" \/>\n\t\t\t\t\t\t<path d=\"M7.50015 9.64018H8.50015V6.30684H7.50015V9.64018Z\" \/>\n\t\t\t\t\t\t<path fill-rule=\"evenodd\" clip-rule=\"evenodd\" d=\"M6.98331 3.0947C7.42933 2.30177 8.57096 2.30177 9.01698 3.09469L13.8771 11.7349C14.3145 12.5126 13.7525 13.4735 12.8602 13.4735H3.14004C2.24774 13.4735 1.68575 12.5126 2.12321 11.7349L6.98331 3.0947ZM8.14541 3.58496C8.08169 3.47168 7.9186 3.47168 7.85488 3.58496L2.99478 12.2251C2.93229 12.3362 3.01257 12.4735 3.14004 12.4735H12.8602C12.9877 12.4735 13.068 12.3362 13.0055 12.2251L8.14541 3.58496Z\" \/>\n\t\t\t\t\t<\/svg>\n\t\t\t\t<\/span>\n\t\t\t\t<span data-wp-text=\"state.errorMessage\" id=\"g85625-nom-text-error-message\"><\/span>\n\t\t\t<\/div> \n\t<\/div>\n\n<div style=\"\"  data-wp-interactive=\"jetpack\/form\" data-wp-context='{\"fieldId\":\"g85625-email\",\"fieldType\":\"email\",\"fieldLabel\":\"E-mail\",\"fieldValue\":\"\",\"fieldPlaceholder\":\"\",\"fieldIsRequired\":\"1\",\"fieldErrorMessage\":\"\",\"fieldExtra\":[],\"formHash\":\"85902e1d2726ac087ff84701c0807a4ee37a4ba6\"}'  class='grunion-field-email-wrap grunion-field-wrap'  data-wp-init='callbacks.initializeField' data-wp-on--jetpack-form-reset='callbacks.initializeField' >\n<label\n\t\t\t\tfor='g85625-email' class=\"grunion-field-label email\" >E-mail<span class=\"grunion-label-required\" aria-hidden=\"true\">(obligatoire)<\/span><\/label>\n<input\n\t\t\t\t\ttype='email'\n\t\t\t\t\tname='g85625-email'\n\t\t\t\t\tid='g85625-email'\n\t\t\t\t\tvalue=''\n\n\t\t\t\t\tdata-wp-bind--aria-invalid='state.fieldAriaInvalid'\n\t\t\t\t\tdata-wp-bind--value='state.getFieldValue'\n\t\t\t\t\taria-describedby='g85625-email-email-error-message'\n\t\t\t\t\tdata-wp-on--input='actions.onFieldChange'\n\t\t\t\t\tdata-wp-on--blur='actions.onFieldBlur'\n\t\t\t\t\tdata-wp-class--has-value='state.hasFieldValue'\n\n\t\t\t\t\tclass='email  grunion-field' \n\t\t\t\t\trequired='true' aria-required='true'  \/>\n \n\t\t\t<div id=\"g85625-email-email-error\" class=\"contact-form__input-error\" data-wp-class--has-errors=\"state.fieldHasErrors\">\n\t\t\t\t<span class=\"contact-form__warning-icon\" aria-hidden=\"true\">\n\t\t\t\t\t<svg width=\"16\" height=\"16\" viewBox=\"0 0 16 16\" fill=\"none\" xmlns=\"http:\/\/www.w3.org\/2000\/svg\">\n\t\t\t\t\t\t<path d=\"M8.50015 11.6402H7.50015V10.6402H8.50015V11.6402Z\" \/>\n\t\t\t\t\t\t<path d=\"M7.50015 9.64018H8.50015V6.30684H7.50015V9.64018Z\" \/>\n\t\t\t\t\t\t<path fill-rule=\"evenodd\" clip-rule=\"evenodd\" d=\"M6.98331 3.0947C7.42933 2.30177 8.57096 2.30177 9.01698 3.09469L13.8771 11.7349C14.3145 12.5126 13.7525 13.4735 12.8602 13.4735H3.14004C2.24774 13.4735 1.68575 12.5126 2.12321 11.7349L6.98331 3.0947ZM8.14541 3.58496C8.08169 3.47168 7.9186 3.47168 7.85488 3.58496L2.99478 12.2251C2.93229 12.3362 3.01257 12.4735 3.14004 12.4735H12.8602C12.9877 12.4735 13.068 12.3362 13.0055 12.2251L8.14541 3.58496Z\" \/>\n\t\t\t\t\t<\/svg>\n\t\t\t\t<\/span>\n\t\t\t\t<span data-wp-text=\"state.errorMessage\" id=\"g85625-email-email-error-message\"><\/span>\n\t\t\t<\/div> \n\t<\/div>\n\n<div style=\"\"  data-wp-interactive=\"jetpack\/form\" data-wp-context='{\"fieldId\":\"g85625-ausujetdeceyacht\",\"fieldType\":\"text\",\"fieldLabel\":\"Au sujet de ce yacht :\",\"fieldValue\":\"\",\"fieldPlaceholder\":\"\",\"fieldIsRequired\":\"\",\"fieldErrorMessage\":\"\",\"fieldExtra\":[],\"formHash\":\"85902e1d2726ac087ff84701c0807a4ee37a4ba6\"}'  class='grunion-field-text-wrap grunion-field-wrap'  data-wp-init='callbacks.initializeField' data-wp-on--jetpack-form-reset='callbacks.initializeField' >\n<label\n\t\t\t\tfor='g85625-ausujetdeceyacht' class=\"grunion-field-label text\" >Au sujet de ce yacht :<\/label>\n<input\n\t\t\t\t\ttype='text'\n\t\t\t\t\tname='g85625-ausujetdeceyacht'\n\t\t\t\t\tid='g85625-ausujetdeceyacht'\n\t\t\t\t\tvalue=''\n\n\t\t\t\t\tdata-wp-bind--aria-invalid='state.fieldAriaInvalid'\n\t\t\t\t\tdata-wp-bind--value='state.getFieldValue'\n\t\t\t\t\taria-describedby='g85625-ausujetdeceyacht-text-error-message'\n\t\t\t\t\tdata-wp-on--input='actions.onFieldChange'\n\t\t\t\t\tdata-wp-on--blur='actions.onFieldBlur'\n\t\t\t\t\tdata-wp-class--has-value='state.hasFieldValue'\n\n\t\t\t\t\tclass='text  grunion-field' \n\t\t\t\t\t \/>\n \n\t\t\t<div id=\"g85625-ausujetdeceyacht-text-error\" class=\"contact-form__input-error\" data-wp-class--has-errors=\"state.fieldHasErrors\">\n\t\t\t\t<span class=\"contact-form__warning-icon\" aria-hidden=\"true\">\n\t\t\t\t\t<svg width=\"16\" height=\"16\" viewBox=\"0 0 16 16\" fill=\"none\" xmlns=\"http:\/\/www.w3.org\/2000\/svg\">\n\t\t\t\t\t\t<path d=\"M8.50015 11.6402H7.50015V10.6402H8.50015V11.6402Z\" \/>\n\t\t\t\t\t\t<path d=\"M7.50015 9.64018H8.50015V6.30684H7.50015V9.64018Z\" \/>\n\t\t\t\t\t\t<path fill-rule=\"evenodd\" clip-rule=\"evenodd\" d=\"M6.98331 3.0947C7.42933 2.30177 8.57096 2.30177 9.01698 3.09469L13.8771 11.7349C14.3145 12.5126 13.7525 13.4735 12.8602 13.4735H3.14004C2.24774 13.4735 1.68575 12.5126 2.12321 11.7349L6.98331 3.0947ZM8.14541 3.58496C8.08169 3.47168 7.9186 3.47168 7.85488 3.58496L2.99478 12.2251C2.93229 12.3362 3.01257 12.4735 3.14004 12.4735H12.8602C12.9877 12.4735 13.068 12.3362 13.0055 12.2251L8.14541 3.58496Z\" \/>\n\t\t\t\t\t<\/svg>\n\t\t\t\t<\/span>\n\t\t\t\t<span data-wp-text=\"state.errorMessage\" id=\"g85625-ausujetdeceyacht-text-error-message\"><\/span>\n\t\t\t<\/div> \n\t<\/div>\n\n<div style=\"\"  data-wp-interactive=\"jetpack\/form\" data-wp-context='{\"fieldId\":\"g85625-message\",\"fieldType\":\"textarea\",\"fieldLabel\":\"Message\",\"fieldValue\":\"\",\"fieldPlaceholder\":\"\",\"fieldIsRequired\":\"\",\"fieldErrorMessage\":\"\",\"fieldExtra\":[],\"formHash\":\"85902e1d2726ac087ff84701c0807a4ee37a4ba6\"}'  class='grunion-field-textarea-wrap grunion-field-wrap'  data-wp-init='callbacks.initializeField' data-wp-on--jetpack-form-reset='callbacks.initializeField' >\n<label\n\t\t\t\tfor='contact-form-comment-g85625-message' class=\"grunion-field-label textarea\" >Message<\/label>\n<textarea\n\t\t                style=''\n\t\t                name='g85625-message'\n\t\t                id='contact-form-comment-g85625-message'\n\t\t                rows='20'\n\t\t\t\t\t\tdata-wp-text='state.getFieldValue'\n\t\t\t\t\t\tdata-wp-on--input='actions.onFieldChange'\n\t\t\t\t\t\tdata-wp-on--blur='actions.onFieldBlur'\n\t\t\t\t\t\tdata-wp-class--has-value='state.hasFieldValue'\n\t\t\t\t\t\taria-describedby='g85625-message-textarea-error-message'\n\t\t\t\t\t\tdata-wp-bind--aria-invalid='state.fieldAriaInvalid'\n\t\t\t\t\t\tclass='textarea  grunion-field'  ><\/textarea>\n \n\t\t\t<div id=\"g85625-message-textarea-error\" class=\"contact-form__input-error\" data-wp-class--has-errors=\"state.fieldHasErrors\">\n\t\t\t\t<span class=\"contact-form__warning-icon\" aria-hidden=\"true\">\n\t\t\t\t\t<svg width=\"16\" height=\"16\" viewBox=\"0 0 16 16\" fill=\"none\" xmlns=\"http:\/\/www.w3.org\/2000\/svg\">\n\t\t\t\t\t\t<path d=\"M8.50015 11.6402H7.50015V10.6402H8.50015V11.6402Z\" \/>\n\t\t\t\t\t\t<path d=\"M7.50015 9.64018H8.50015V6.30684H7.50015V9.64018Z\" \/>\n\t\t\t\t\t\t<path fill-rule=\"evenodd\" clip-rule=\"evenodd\" d=\"M6.98331 3.0947C7.42933 2.30177 8.57096 2.30177 9.01698 3.09469L13.8771 11.7349C14.3145 12.5126 13.7525 13.4735 12.8602 13.4735H3.14004C2.24774 13.4735 1.68575 12.5126 2.12321 11.7349L6.98331 3.0947ZM8.14541 3.58496C8.08169 3.47168 7.9186 3.47168 7.85488 3.58496L2.99478 12.2251C2.93229 12.3362 3.01257 12.4735 3.14004 12.4735H12.8602C12.9877 12.4735 13.068 12.3362 13.0055 12.2251L8.14541 3.58496Z\" \/>\n\t\t\t\t\t<\/svg>\n\t\t\t\t<\/span>\n\t\t\t\t<span data-wp-text=\"state.errorMessage\" id=\"g85625-message-textarea-error-message\"><\/span>\n\t\t\t<\/div>\n\t<\/div>\n\t<p class='contact-submit'>\n<div class=\"contact-form__error\" data-wp-class--show-errors=\"state.showFormErrors\"><span class=\"contact-form__warning-icon\" aria-hidden=\"true\"><i><\/i><\/span><span class=\"contact-form__error-message\" tabindex=\"-1\" data-wp-watch=\"callbacks.focusOnValidationError\" data-wp-text=\"state.getFormErrorMessage\"><\/span><ul aria-label=\"Erreurs de formulaire\">\n\t\t\t\t<template data-wp-each=\"state.getErrorList\" data-wp-key=\"context.item.id\">\n\t\t\t\t\t<li><a data-wp-bind--href=\"context.item.anchor\" data-wp-on--click=\"actions.scrollIntoView\" data-wp-text=\"context.item.label\"><\/a><\/li>\n\t\t\t\t<\/template>\n\t\t\t\t<\/ul><\/div><div class=\"contact-form__error\" data-wp-class--show-errors=\"state.showSubmissionError\" data-wp-text=\"context.submissionError\" tabindex=\"-1\" data-wp-watch=\"callbacks.focusOnSubmissionError\"><\/div>\t\t<button type='submit' class='pushbutton-wide'>Envoyer<\/button>\t\t<input type='hidden' name='contact-form-id' value='85625' \/>\n\t\t<input type='hidden' name='action' value='grunion-contact-form' \/>\n\t\t<input type='hidden' name='contact-form-hash' value='85902e1d2726ac087ff84701c0807a4ee37a4ba6' \/>\n\t<\/p>\n<p style=\"display: none !important;\" class=\"akismet-fields-container\" data-prefix=\"ak_\"><label>&#916;<textarea name=\"ak_hp_textarea\" cols=\"45\" rows=\"8\" maxlength=\"100\"><\/textarea><\/label><input type=\"hidden\" id=\"ak_js_1\" name=\"ak_js\" value=\"0\"\/><script type=\"text\/javascript\">\n\/* <![CDATA[ *\/\ndocument.getElementById( \"ak_js_1\" ).setAttribute( \"value\", ( new Date() ).getTime() );\n\/* ]]> *\/\n<\/script>\n<\/p><\/form>\n<\/div>\n<p>&nbsp;<\/p>\n<p>&nbsp;<\/p>\n<p>&nbsp;<\/p>\n<p>&nbsp;<\/p>\n<p>&nbsp;<\/p>\n","protected":false},"excerpt":{"rendered":"<p>Arcadia Yacht A85 2019 \u20ac3,990,000 euros a vendre Livr\u00e9 en 2019, ce yacht de 25,9 m dispose du plus grand quartier g\u00e9n\u00e9ral de sa cat\u00e9gorie &#8211; plus de 32 m\u00e8tres carr\u00e9s d&rsquo;intimit\u00e9 et de confort. Cet Acadia A85 est un yacht de style loft, aux espaces tr\u00e8s ouverts, pouvant accueillir jusqu&rsquo;\u00e0 8 invit\u00e9s dans 4 &hellip; <a href=\"https:\/\/itayachtscanada.com\/fr\/listing\/arcadia-yacht-a85-2019-e4500000-euros-for-sale\/\" class=\"more-link\">Lire la suite <span class=\"screen-reader-text\">Arcadia Yacht A85 2019 \u20ac3,990,000 euros a vendre<\/span> <span class=\"meta-nav\">&rarr;<\/span><\/a><\/p>\n","protected":false},"author":119081455,"featured_media":85647,"parent":0,"menu_order":0,"comment_status":"open","ping_status":"open","template":"","format":"standard","meta":{"_coblocks_attr":"","_coblocks_dimensions":"","_coblocks_responsive_height":"","_coblocks_accordion_ie_support":"","_lmt_disableupdate":"no","_lmt_disable":"no","advanced_seo_description":"","jetpack_seo_html_title":"","jetpack_seo_noindex":false,"footnotes":""},"manufacturer":[6759],"prix":[7082],"years":[6380],"length_feet":[6590],"boat_type":[6466],"price_range":[6581],"localisations":[6886],"numyacht":[8965],"datevente":[10437,10568,10686,10955,11147,11249],"country":[10876],"states":[],"city":[10858],"fresh-water-boat":[10809],"broker":[],"migration":[10888],"class_list":["post-85625","listing","type-listing","status-publish","format-standard","has-post-thumbnail","hentry","manufacturer-arcadia","prix-7082","years-6380","length_feet-between-80-and-89-feets","boat_type-megayacht","price_range-3000000-4999999","localisations-europe","numyacht-8965","datevente-2025-06-12","datevente-2025-08-07","datevente-2025-10-03","datevente-2025-11-29","datevente-2026-01-28","datevente-2026-03-27","country-italie","city-naples","fresh-water-boat-non","migration-non"],"translation":{"provider":"WPGlobus","version":"2.12.2","language":"fr","enabled_languages":["en","fr"],"languages":{"en":{"title":true,"content":true,"excerpt":false},"fr":{"title":true,"content":true,"excerpt":false}}},"jetpack_likes_enabled":true,"jetpack_sharing_enabled":true,"_links":{"self":[{"href":"https:\/\/itayachtscanada.com\/fr\/wp-json\/wp\/v2\/listing\/85625","targetHints":{"allow":["GET"]}}],"collection":[{"href":"https:\/\/itayachtscanada.com\/fr\/wp-json\/wp\/v2\/listing"}],"about":[{"href":"https:\/\/itayachtscanada.com\/fr\/wp-json\/wp\/v2\/types\/listing"}],"author":[{"embeddable":true,"href":"https:\/\/itayachtscanada.com\/fr\/wp-json\/wp\/v2\/users\/119081455"}],"replies":[{"embeddable":true,"href":"https:\/\/itayachtscanada.com\/fr\/wp-json\/wp\/v2\/comments?post=85625"}],"version-history":[{"count":25,"href":"https:\/\/itayachtscanada.com\/fr\/wp-json\/wp\/v2\/listing\/85625\/revisions"}],"predecessor-version":[{"id":300588,"href":"https:\/\/itayachtscanada.com\/fr\/wp-json\/wp\/v2\/listing\/85625\/revisions\/300588"}],"wp:featuredmedia":[{"embeddable":true,"href":"https:\/\/itayachtscanada.com\/fr\/wp-json\/wp\/v2\/media\/85647"}],"wp:attachment":[{"href":"https:\/\/itayachtscanada.com\/fr\/wp-json\/wp\/v2\/media?parent=85625"}],"wp:term":[{"taxonomy":"manufacturer","embeddable":true,"href":"https:\/\/itayachtscanada.com\/fr\/wp-json\/wp\/v2\/manufacturer?post=85625"},{"taxonomy":"prix","embeddable":true,"href":"https:\/\/itayachtscanada.com\/fr\/wp-json\/wp\/v2\/prix?post=85625"},{"taxonomy":"years","embeddable":true,"href":"https:\/\/itayachtscanada.com\/fr\/wp-json\/wp\/v2\/years?post=85625"},{"taxonomy":"length_feet","embeddable":true,"href":"https:\/\/itayachtscanada.com\/fr\/wp-json\/wp\/v2\/length_feet?post=85625"},{"taxonomy":"boat_type","embeddable":true,"href":"https:\/\/itayachtscanada.com\/fr\/wp-json\/wp\/v2\/boat_type?post=85625"},{"taxonomy":"price_range","embeddable":true,"href":"https:\/\/itayachtscanada.com\/fr\/wp-json\/wp\/v2\/price_range?post=85625"},{"taxonomy":"localisations","embeddable":true,"href":"https:\/\/itayachtscanada.com\/fr\/wp-json\/wp\/v2\/localisations?post=85625"},{"taxonomy":"numyacht","embeddable":true,"href":"https:\/\/itayachtscanada.com\/fr\/wp-json\/wp\/v2\/numyacht?post=85625"},{"taxonomy":"datevente","embeddable":true,"href":"https:\/\/itayachtscanada.com\/fr\/wp-json\/wp\/v2\/datevente?post=85625"},{"taxonomy":"country","embeddable":true,"href":"https:\/\/itayachtscanada.com\/fr\/wp-json\/wp\/v2\/country?post=85625"},{"taxonomy":"states","embeddable":true,"href":"https:\/\/itayachtscanada.com\/fr\/wp-json\/wp\/v2\/states?post=85625"},{"taxonomy":"city","embeddable":true,"href":"https:\/\/itayachtscanada.com\/fr\/wp-json\/wp\/v2\/city?post=85625"},{"taxonomy":"fresh-water-boat","embeddable":true,"href":"https:\/\/itayachtscanada.com\/fr\/wp-json\/wp\/v2\/fresh-water-boat?post=85625"},{"taxonomy":"broker","embeddable":true,"href":"https:\/\/itayachtscanada.com\/fr\/wp-json\/wp\/v2\/broker?post=85625"},{"taxonomy":"migration","embeddable":true,"href":"https:\/\/itayachtscanada.com\/fr\/wp-json\/wp\/v2\/migration?post=85625"}],"curies":[{"name":"wp","href":"https:\/\/api.w.org\/{rel}","templated":true}]}}