{"id":299024,"date":"2026-02-04T11:42:52","date_gmt":"2026-02-04T16:42:52","guid":{"rendered":"https:\/\/itayachtscanada.com\/?post_type=listing&#038;p=299024"},"modified":"2026-04-02T16:19:27","modified_gmt":"2026-04-02T20:19:27","slug":"absolute-navetta-48-2025-1799000-usd-for-sale","status":"publish","type":"listing","link":"https:\/\/itayachtscanada.com\/fr\/listing\/absolute-navetta-48-2025-1799000-usd-for-sale\/","title":{"rendered":"Absolute Navetta 48 2025 $1,799,000 usd \u00e0 vendre"},"content":{"rendered":"<p>OFF MARKET (pr\u00e9sentement retir\u00e9 de la vente)<\/p>\n<p><strong>Absolute Navetta 48 2025 $1,799,000 usd \u00e0 vendre<\/strong><\/p>\n<p>Ce Navetta 48 Absolute 2025 offre une combinaison \u00e9quilibr\u00e9e de confort, de fonctionnalit\u00e9 et de design moderne dans un ensemble qui semble plus spacieux que sa taille ne le laisse supposer. Propuls\u00e9 par des moteurs Volvo IPS 650, ce bateau offre une navigation efficace et une maniabilit\u00e9 s\u00fbre, compl\u00e9t\u00e9es par le syst\u00e8me Volvo DPS et le Yacht Controller, qui facilitent les man\u0153uvres d&rsquo;accostage et de navigation. Avec seulement 220 heures de navigation et une r\u00e9vision r\u00e9cente effectu\u00e9e en juillet 2025, il est entretenu selon des normes \u00e9lev\u00e9es et pr\u00eat pour la prochaine aventure.<\/p>\n<p>L&rsquo;une des qualit\u00e9s remarquables de ce Navetta 48 est l&rsquo;espace utilisable abondant pour un navire de moins de 50 pieds. De grandes fen\u00eatres et un am\u00e9nagement ouvert du pont principal cr\u00e9ent une atmosph\u00e8re lumineuse et a\u00e9r\u00e9e, tandis que le flybridge et le cockpit arri\u00e8re offrent des espaces confortables pour se d\u00e9tendre ou se divertir sans exc\u00e8s. Sous le pont, les cabines sont pratiques et accueillantes, parfaitement adapt\u00e9es aux longs week-ends ou aux croisi\u00e8res c\u00f4ti\u00e8res prolong\u00e9es.<\/p>\n<p>\u00c9quip\u00e9 d&rsquo;un syst\u00e8me de gestion de la coque Sonihull, ce yacht b\u00e9n\u00e9ficie d&rsquo;un entretien r\u00e9duit et d&rsquo;une efficacit\u00e9 am\u00e9lior\u00e9e au fil du temps. Dans l&rsquo;ensemble, cet Absolute 48 Navetta 2025 repr\u00e9sente une opportunit\u00e9 cl\u00e9 en main bien pens\u00e9e pour un propri\u00e9taire \u00e0 la recherche d&rsquo;un yacht r\u00e9cent qui met l&rsquo;accent sur la technologie intelligente, la facilit\u00e9 d&rsquo;utilisation et la vivabilit\u00e9 au quotidien.<\/p>\n<h3>Cet Absolute Navetta 48 est situ\u00e9 en Floride. Veuillez nous contacter au 514-521-1221 pour obtenir tous les d\u00e9tails sur cet Absolute Yachts Navetta 48. Notre bureau est situ\u00e9 dans la banlieue de Montr\u00e9al.<\/h3>\n<p><a href=\"https:\/\/itayachtscanada.com\/fr\/virtuals_visits\/absolute-navetta-48\/\">Cliquez ici<\/a> pour une visite virtuelle de l&rsquo;Absolute Navetta 48.<\/p>\n<p>Dimensions<br \/>\nLongueur hors tout : 49 pieds<br \/>\nLargeur : 15 pieds 4 pouces<br \/>\nPoids<br \/>\nPoids \u00e0 sec : 41 785 livres<br \/>\nR\u00e9servoirs<br \/>\nCarburant : (475 gallons)<br \/>\nEau douce : (140 gallons)<br \/>\nEaux us\u00e9es : (10 gallons)<\/p>\n<p>&nbsp;<\/p>\n<p>MOTEURS :<\/p>\n<p>Volvo Penta IPS 650 (moteur 1)<br \/>\nType de moteur : in-bord<br \/>\nType de carburant : diesel<br \/>\nHeures moteur : 220<br \/>\nPuissance : 470 ch<\/p>\n<p>Volvo Penta IPS 650 (moteur 2)<br \/>\nType de moteur : in-bord<br \/>\nType de carburant : diesel<br \/>\nHeures moteur : 220<br \/>\nPuissance : 470 ch<\/p>\n<div class=\"html-content-description\">\n<div class=\"content-box\">\n<div class=\"column-container cols-3\">\n<div class=\"column\">\n<div class=\"column-item\">\n<div>\n<div class=\"content-box\">\n<div class=\"column-container cols-3\">\n<div class=\"column\">\n<div class=\"column-item\">\n<div><\/div>\n<div>\n<div data-carousel-extra='{&quot;blog_id&quot;:1,&quot;permalink&quot;:&quot;https:\/\/itayachtscanada.com\/fr\/listing\/absolute-navetta-48-2025-1799000-usd-for-sale\/&quot;}' id='gallery-1' class='gallery galleryid-299024 gallery-columns-3 gallery-size-medium'><figure class='gallery-item'>\n\t\t\t<div class='gallery-icon landscape'>\n\t\t\t\t<a href='https:\/\/itayachtscanada.com\/fr\/listing\/absolute-navetta-48-2025-1799000-usd-for-sale\/absolute-navetta-48-2025\/'><img loading=\"lazy\" decoding=\"async\" width=\"300\" height=\"197\" src=\"https:\/\/i0.wp.com\/itayachtscanada.com\/wp-content\/uploads\/2026\/02\/Absolute-Navetta-48-2025.jpg?fit=300%2C197&amp;ssl=1\" class=\"attachment-medium size-medium\" alt=\"\" srcset=\"https:\/\/i0.wp.com\/itayachtscanada.com\/wp-content\/uploads\/2026\/02\/Absolute-Navetta-48-2025.jpg?w=1568&amp;ssl=1 1568w, https:\/\/i0.wp.com\/itayachtscanada.com\/wp-content\/uploads\/2026\/02\/Absolute-Navetta-48-2025.jpg?resize=300%2C197&amp;ssl=1 300w, https:\/\/i0.wp.com\/itayachtscanada.com\/wp-content\/uploads\/2026\/02\/Absolute-Navetta-48-2025.jpg?resize=1024%2C671&amp;ssl=1 1024w, https:\/\/i0.wp.com\/itayachtscanada.com\/wp-content\/uploads\/2026\/02\/Absolute-Navetta-48-2025.jpg?resize=768%2C504&amp;ssl=1 768w, https:\/\/i0.wp.com\/itayachtscanada.com\/wp-content\/uploads\/2026\/02\/Absolute-Navetta-48-2025.jpg?resize=1536%2C1007&amp;ssl=1 1536w, https:\/\/i0.wp.com\/itayachtscanada.com\/wp-content\/uploads\/2026\/02\/Absolute-Navetta-48-2025.jpg?resize=700%2C459&amp;ssl=1 700w, https:\/\/i0.wp.com\/itayachtscanada.com\/wp-content\/uploads\/2026\/02\/Absolute-Navetta-48-2025.jpg?resize=610%2C400&amp;ssl=1 610w, https:\/\/i0.wp.com\/itayachtscanada.com\/wp-content\/uploads\/2026\/02\/Absolute-Navetta-48-2025.jpg?w=1400&amp;ssl=1 1400w\" sizes=\"auto, (max-width: 300px) 100vw, 300px\" data-attachment-id=\"299028\" data-permalink=\"https:\/\/itayachtscanada.com\/fr\/listing\/absolute-navetta-48-2025-1799000-usd-for-sale\/absolute-navetta-48-2025\/\" data-orig-file=\"https:\/\/i0.wp.com\/itayachtscanada.com\/wp-content\/uploads\/2026\/02\/Absolute-Navetta-48-2025.jpg?fit=1568%2C1028&amp;ssl=1\" data-orig-size=\"1568,1028\" data-comments-opened=\"1\" data-image-meta=\"{&quot;aperture&quot;:&quot;0&quot;,&quot;credit&quot;:&quot;&quot;,&quot;camera&quot;:&quot;&quot;,&quot;caption&quot;:&quot;&quot;,&quot;created_timestamp&quot;:&quot;0&quot;,&quot;copyright&quot;:&quot;&quot;,&quot;focal_length&quot;:&quot;0&quot;,&quot;iso&quot;:&quot;0&quot;,&quot;shutter_speed&quot;:&quot;0&quot;,&quot;title&quot;:&quot;&quot;,&quot;orientation&quot;:&quot;0&quot;}\" data-image-title=\"Absolute Navetta 48 2025\" data-image-description=\"\" data-image-caption=\"\" data-large-file=\"https:\/\/i0.wp.com\/itayachtscanada.com\/wp-content\/uploads\/2026\/02\/Absolute-Navetta-48-2025.jpg?fit=700%2C459&amp;ssl=1\" \/><\/a>\n\t\t\t<\/div><\/figure><figure class='gallery-item'>\n\t\t\t<div class='gallery-icon landscape'>\n\t\t\t\t<a href='https:\/\/itayachtscanada.com\/fr\/listing\/absolute-navetta-48-2025-1799000-usd-for-sale\/capture-decran-le-2026-02-04-a-11-20-15\/'><img loading=\"lazy\" decoding=\"async\" width=\"300\" height=\"197\" src=\"https:\/\/i0.wp.com\/itayachtscanada.com\/wp-content\/uploads\/2026\/02\/Capture-decran-le-2026-02-04-a-11.20.15.jpg?fit=300%2C197&amp;ssl=1\" class=\"attachment-medium size-medium\" alt=\"\" srcset=\"https:\/\/i0.wp.com\/itayachtscanada.com\/wp-content\/uploads\/2026\/02\/Capture-decran-le-2026-02-04-a-11.20.15.jpg?w=1568&amp;ssl=1 1568w, https:\/\/i0.wp.com\/itayachtscanada.com\/wp-content\/uploads\/2026\/02\/Capture-decran-le-2026-02-04-a-11.20.15.jpg?resize=300%2C197&amp;ssl=1 300w, https:\/\/i0.wp.com\/itayachtscanada.com\/wp-content\/uploads\/2026\/02\/Capture-decran-le-2026-02-04-a-11.20.15.jpg?resize=1024%2C671&amp;ssl=1 1024w, https:\/\/i0.wp.com\/itayachtscanada.com\/wp-content\/uploads\/2026\/02\/Capture-decran-le-2026-02-04-a-11.20.15.jpg?resize=768%2C504&amp;ssl=1 768w, https:\/\/i0.wp.com\/itayachtscanada.com\/wp-content\/uploads\/2026\/02\/Capture-decran-le-2026-02-04-a-11.20.15.jpg?resize=1536%2C1007&amp;ssl=1 1536w, https:\/\/i0.wp.com\/itayachtscanada.com\/wp-content\/uploads\/2026\/02\/Capture-decran-le-2026-02-04-a-11.20.15.jpg?resize=700%2C459&amp;ssl=1 700w, https:\/\/i0.wp.com\/itayachtscanada.com\/wp-content\/uploads\/2026\/02\/Capture-decran-le-2026-02-04-a-11.20.15.jpg?resize=610%2C400&amp;ssl=1 610w, https:\/\/i0.wp.com\/itayachtscanada.com\/wp-content\/uploads\/2026\/02\/Capture-decran-le-2026-02-04-a-11.20.15.jpg?w=1400&amp;ssl=1 1400w\" sizes=\"auto, (max-width: 300px) 100vw, 300px\" data-attachment-id=\"299029\" data-permalink=\"https:\/\/itayachtscanada.com\/fr\/listing\/absolute-navetta-48-2025-1799000-usd-for-sale\/capture-decran-le-2026-02-04-a-11-20-15\/\" data-orig-file=\"https:\/\/i0.wp.com\/itayachtscanada.com\/wp-content\/uploads\/2026\/02\/Capture-decran-le-2026-02-04-a-11.20.15.jpg?fit=1568%2C1028&amp;ssl=1\" data-orig-size=\"1568,1028\" data-comments-opened=\"1\" data-image-meta=\"{&quot;aperture&quot;:&quot;0&quot;,&quot;credit&quot;:&quot;&quot;,&quot;camera&quot;:&quot;&quot;,&quot;caption&quot;:&quot;&quot;,&quot;created_timestamp&quot;:&quot;0&quot;,&quot;copyright&quot;:&quot;&quot;,&quot;focal_length&quot;:&quot;0&quot;,&quot;iso&quot;:&quot;0&quot;,&quot;shutter_speed&quot;:&quot;0&quot;,&quot;title&quot;:&quot;&quot;,&quot;orientation&quot;:&quot;0&quot;}\" data-image-title=\"Capture d\u2019e\u0301cran, le 2026-02-04 a\u0300 11.20.15\" data-image-description=\"\" data-image-caption=\"\" data-large-file=\"https:\/\/i0.wp.com\/itayachtscanada.com\/wp-content\/uploads\/2026\/02\/Capture-decran-le-2026-02-04-a-11.20.15.jpg?fit=700%2C459&amp;ssl=1\" \/><\/a>\n\t\t\t<\/div><\/figure><figure class='gallery-item'>\n\t\t\t<div class='gallery-icon landscape'>\n\t\t\t\t<a href='https:\/\/itayachtscanada.com\/fr\/listing\/absolute-navetta-48-2025-1799000-usd-for-sale\/capture-decran-le-2026-02-04-a-11-20-06\/'><img loading=\"lazy\" decoding=\"async\" width=\"300\" height=\"197\" src=\"https:\/\/i0.wp.com\/itayachtscanada.com\/wp-content\/uploads\/2026\/02\/Capture-decran-le-2026-02-04-a-11.20.06.jpg?fit=300%2C197&amp;ssl=1\" class=\"attachment-medium size-medium\" alt=\"\" srcset=\"https:\/\/i0.wp.com\/itayachtscanada.com\/wp-content\/uploads\/2026\/02\/Capture-decran-le-2026-02-04-a-11.20.06.jpg?w=1568&amp;ssl=1 1568w, https:\/\/i0.wp.com\/itayachtscanada.com\/wp-content\/uploads\/2026\/02\/Capture-decran-le-2026-02-04-a-11.20.06.jpg?resize=300%2C197&amp;ssl=1 300w, https:\/\/i0.wp.com\/itayachtscanada.com\/wp-content\/uploads\/2026\/02\/Capture-decran-le-2026-02-04-a-11.20.06.jpg?resize=1024%2C671&amp;ssl=1 1024w, https:\/\/i0.wp.com\/itayachtscanada.com\/wp-content\/uploads\/2026\/02\/Capture-decran-le-2026-02-04-a-11.20.06.jpg?resize=768%2C504&amp;ssl=1 768w, https:\/\/i0.wp.com\/itayachtscanada.com\/wp-content\/uploads\/2026\/02\/Capture-decran-le-2026-02-04-a-11.20.06.jpg?resize=1536%2C1007&amp;ssl=1 1536w, https:\/\/i0.wp.com\/itayachtscanada.com\/wp-content\/uploads\/2026\/02\/Capture-decran-le-2026-02-04-a-11.20.06.jpg?resize=700%2C459&amp;ssl=1 700w, https:\/\/i0.wp.com\/itayachtscanada.com\/wp-content\/uploads\/2026\/02\/Capture-decran-le-2026-02-04-a-11.20.06.jpg?resize=610%2C400&amp;ssl=1 610w, https:\/\/i0.wp.com\/itayachtscanada.com\/wp-content\/uploads\/2026\/02\/Capture-decran-le-2026-02-04-a-11.20.06.jpg?w=1400&amp;ssl=1 1400w\" sizes=\"auto, (max-width: 300px) 100vw, 300px\" data-attachment-id=\"299030\" data-permalink=\"https:\/\/itayachtscanada.com\/fr\/listing\/absolute-navetta-48-2025-1799000-usd-for-sale\/capture-decran-le-2026-02-04-a-11-20-06\/\" data-orig-file=\"https:\/\/i0.wp.com\/itayachtscanada.com\/wp-content\/uploads\/2026\/02\/Capture-decran-le-2026-02-04-a-11.20.06.jpg?fit=1568%2C1028&amp;ssl=1\" data-orig-size=\"1568,1028\" data-comments-opened=\"1\" data-image-meta=\"{&quot;aperture&quot;:&quot;0&quot;,&quot;credit&quot;:&quot;&quot;,&quot;camera&quot;:&quot;&quot;,&quot;caption&quot;:&quot;&quot;,&quot;created_timestamp&quot;:&quot;0&quot;,&quot;copyright&quot;:&quot;&quot;,&quot;focal_length&quot;:&quot;0&quot;,&quot;iso&quot;:&quot;0&quot;,&quot;shutter_speed&quot;:&quot;0&quot;,&quot;title&quot;:&quot;&quot;,&quot;orientation&quot;:&quot;0&quot;}\" data-image-title=\"Capture d\u2019e\u0301cran, le 2026-02-04 a\u0300 11.20.06\" data-image-description=\"\" data-image-caption=\"\" data-large-file=\"https:\/\/i0.wp.com\/itayachtscanada.com\/wp-content\/uploads\/2026\/02\/Capture-decran-le-2026-02-04-a-11.20.06.jpg?fit=700%2C459&amp;ssl=1\" \/><\/a>\n\t\t\t<\/div><\/figure><figure class='gallery-item'>\n\t\t\t<div class='gallery-icon landscape'>\n\t\t\t\t<a href='https:\/\/itayachtscanada.com\/fr\/listing\/absolute-navetta-48-2025-1799000-usd-for-sale\/capture-decran-le-2026-02-04-a-11-19-53\/'><img loading=\"lazy\" decoding=\"async\" width=\"300\" height=\"200\" src=\"https:\/\/i0.wp.com\/itayachtscanada.com\/wp-content\/uploads\/2026\/02\/Capture-decran-le-2026-02-04-a-11.19.53.jpg?fit=300%2C200&amp;ssl=1\" class=\"attachment-medium size-medium\" alt=\"\" srcset=\"https:\/\/i0.wp.com\/itayachtscanada.com\/wp-content\/uploads\/2026\/02\/Capture-decran-le-2026-02-04-a-11.19.53.jpg?w=1542&amp;ssl=1 1542w, https:\/\/i0.wp.com\/itayachtscanada.com\/wp-content\/uploads\/2026\/02\/Capture-decran-le-2026-02-04-a-11.19.53.jpg?resize=300%2C200&amp;ssl=1 300w, https:\/\/i0.wp.com\/itayachtscanada.com\/wp-content\/uploads\/2026\/02\/Capture-decran-le-2026-02-04-a-11.19.53.jpg?resize=1024%2C683&amp;ssl=1 1024w, https:\/\/i0.wp.com\/itayachtscanada.com\/wp-content\/uploads\/2026\/02\/Capture-decran-le-2026-02-04-a-11.19.53.jpg?resize=768%2C512&amp;ssl=1 768w, https:\/\/i0.wp.com\/itayachtscanada.com\/wp-content\/uploads\/2026\/02\/Capture-decran-le-2026-02-04-a-11.19.53.jpg?resize=1536%2C1024&amp;ssl=1 1536w, https:\/\/i0.wp.com\/itayachtscanada.com\/wp-content\/uploads\/2026\/02\/Capture-decran-le-2026-02-04-a-11.19.53.jpg?resize=700%2C467&amp;ssl=1 700w, https:\/\/i0.wp.com\/itayachtscanada.com\/wp-content\/uploads\/2026\/02\/Capture-decran-le-2026-02-04-a-11.19.53.jpg?resize=900%2C600&amp;ssl=1 900w, https:\/\/i0.wp.com\/itayachtscanada.com\/wp-content\/uploads\/2026\/02\/Capture-decran-le-2026-02-04-a-11.19.53.jpg?resize=600%2C400&amp;ssl=1 600w, https:\/\/i0.wp.com\/itayachtscanada.com\/wp-content\/uploads\/2026\/02\/Capture-decran-le-2026-02-04-a-11.19.53.jpg?w=1400&amp;ssl=1 1400w\" sizes=\"auto, (max-width: 300px) 100vw, 300px\" data-attachment-id=\"299031\" data-permalink=\"https:\/\/itayachtscanada.com\/fr\/listing\/absolute-navetta-48-2025-1799000-usd-for-sale\/capture-decran-le-2026-02-04-a-11-19-53\/\" data-orig-file=\"https:\/\/i0.wp.com\/itayachtscanada.com\/wp-content\/uploads\/2026\/02\/Capture-decran-le-2026-02-04-a-11.19.53.jpg?fit=1542%2C1028&amp;ssl=1\" data-orig-size=\"1542,1028\" data-comments-opened=\"1\" data-image-meta=\"{&quot;aperture&quot;:&quot;0&quot;,&quot;credit&quot;:&quot;&quot;,&quot;camera&quot;:&quot;&quot;,&quot;caption&quot;:&quot;&quot;,&quot;created_timestamp&quot;:&quot;0&quot;,&quot;copyright&quot;:&quot;&quot;,&quot;focal_length&quot;:&quot;0&quot;,&quot;iso&quot;:&quot;0&quot;,&quot;shutter_speed&quot;:&quot;0&quot;,&quot;title&quot;:&quot;&quot;,&quot;orientation&quot;:&quot;0&quot;}\" data-image-title=\"Capture d\u2019e\u0301cran, le 2026-02-04 a\u0300 11.19.53\" data-image-description=\"\" data-image-caption=\"\" data-large-file=\"https:\/\/i0.wp.com\/itayachtscanada.com\/wp-content\/uploads\/2026\/02\/Capture-decran-le-2026-02-04-a-11.19.53.jpg?fit=700%2C467&amp;ssl=1\" \/><\/a>\n\t\t\t<\/div><\/figure><figure class='gallery-item'>\n\t\t\t<div class='gallery-icon landscape'>\n\t\t\t\t<a href='https:\/\/itayachtscanada.com\/fr\/listing\/absolute-navetta-48-2025-1799000-usd-for-sale\/capture-decran-le-2026-02-04-a-11-19-28\/'><img loading=\"lazy\" decoding=\"async\" width=\"300\" height=\"198\" src=\"https:\/\/i0.wp.com\/itayachtscanada.com\/wp-content\/uploads\/2026\/02\/Capture-decran-le-2026-02-04-a-11.19.28.jpg?fit=300%2C198&amp;ssl=1\" class=\"attachment-medium size-medium\" alt=\"\" srcset=\"https:\/\/i0.wp.com\/itayachtscanada.com\/wp-content\/uploads\/2026\/02\/Capture-decran-le-2026-02-04-a-11.19.28.jpg?w=1480&amp;ssl=1 1480w, https:\/\/i0.wp.com\/itayachtscanada.com\/wp-content\/uploads\/2026\/02\/Capture-decran-le-2026-02-04-a-11.19.28.jpg?resize=300%2C198&amp;ssl=1 300w, https:\/\/i0.wp.com\/itayachtscanada.com\/wp-content\/uploads\/2026\/02\/Capture-decran-le-2026-02-04-a-11.19.28.jpg?resize=1024%2C677&amp;ssl=1 1024w, https:\/\/i0.wp.com\/itayachtscanada.com\/wp-content\/uploads\/2026\/02\/Capture-decran-le-2026-02-04-a-11.19.28.jpg?resize=768%2C508&amp;ssl=1 768w, https:\/\/i0.wp.com\/itayachtscanada.com\/wp-content\/uploads\/2026\/02\/Capture-decran-le-2026-02-04-a-11.19.28.jpg?resize=700%2C463&amp;ssl=1 700w, https:\/\/i0.wp.com\/itayachtscanada.com\/wp-content\/uploads\/2026\/02\/Capture-decran-le-2026-02-04-a-11.19.28.jpg?resize=605%2C400&amp;ssl=1 605w, https:\/\/i0.wp.com\/itayachtscanada.com\/wp-content\/uploads\/2026\/02\/Capture-decran-le-2026-02-04-a-11.19.28.jpg?w=1400&amp;ssl=1 1400w\" sizes=\"auto, (max-width: 300px) 100vw, 300px\" data-attachment-id=\"299032\" data-permalink=\"https:\/\/itayachtscanada.com\/fr\/listing\/absolute-navetta-48-2025-1799000-usd-for-sale\/capture-decran-le-2026-02-04-a-11-19-28\/\" data-orig-file=\"https:\/\/i0.wp.com\/itayachtscanada.com\/wp-content\/uploads\/2026\/02\/Capture-decran-le-2026-02-04-a-11.19.28.jpg?fit=1480%2C978&amp;ssl=1\" data-orig-size=\"1480,978\" data-comments-opened=\"1\" data-image-meta=\"{&quot;aperture&quot;:&quot;0&quot;,&quot;credit&quot;:&quot;&quot;,&quot;camera&quot;:&quot;&quot;,&quot;caption&quot;:&quot;&quot;,&quot;created_timestamp&quot;:&quot;0&quot;,&quot;copyright&quot;:&quot;&quot;,&quot;focal_length&quot;:&quot;0&quot;,&quot;iso&quot;:&quot;0&quot;,&quot;shutter_speed&quot;:&quot;0&quot;,&quot;title&quot;:&quot;&quot;,&quot;orientation&quot;:&quot;0&quot;}\" data-image-title=\"Capture d\u2019e\u0301cran, le 2026-02-04 a\u0300 11.19.28\" data-image-description=\"\" data-image-caption=\"\" data-large-file=\"https:\/\/i0.wp.com\/itayachtscanada.com\/wp-content\/uploads\/2026\/02\/Capture-decran-le-2026-02-04-a-11.19.28.jpg?fit=700%2C463&amp;ssl=1\" \/><\/a>\n\t\t\t<\/div><\/figure><figure class='gallery-item'>\n\t\t\t<div class='gallery-icon landscape'>\n\t\t\t\t<a href='https:\/\/itayachtscanada.com\/fr\/listing\/absolute-navetta-48-2025-1799000-usd-for-sale\/capture-decran-le-2026-02-04-a-11-19-23\/'><img loading=\"lazy\" decoding=\"async\" width=\"300\" height=\"198\" src=\"https:\/\/i0.wp.com\/itayachtscanada.com\/wp-content\/uploads\/2026\/02\/Capture-decran-le-2026-02-04-a-11.19.23.jpg?fit=300%2C198&amp;ssl=1\" class=\"attachment-medium size-medium\" alt=\"\" srcset=\"https:\/\/i0.wp.com\/itayachtscanada.com\/wp-content\/uploads\/2026\/02\/Capture-decran-le-2026-02-04-a-11.19.23.jpg?w=1480&amp;ssl=1 1480w, https:\/\/i0.wp.com\/itayachtscanada.com\/wp-content\/uploads\/2026\/02\/Capture-decran-le-2026-02-04-a-11.19.23.jpg?resize=300%2C198&amp;ssl=1 300w, https:\/\/i0.wp.com\/itayachtscanada.com\/wp-content\/uploads\/2026\/02\/Capture-decran-le-2026-02-04-a-11.19.23.jpg?resize=1024%2C677&amp;ssl=1 1024w, https:\/\/i0.wp.com\/itayachtscanada.com\/wp-content\/uploads\/2026\/02\/Capture-decran-le-2026-02-04-a-11.19.23.jpg?resize=768%2C508&amp;ssl=1 768w, https:\/\/i0.wp.com\/itayachtscanada.com\/wp-content\/uploads\/2026\/02\/Capture-decran-le-2026-02-04-a-11.19.23.jpg?resize=700%2C463&amp;ssl=1 700w, https:\/\/i0.wp.com\/itayachtscanada.com\/wp-content\/uploads\/2026\/02\/Capture-decran-le-2026-02-04-a-11.19.23.jpg?resize=605%2C400&amp;ssl=1 605w, https:\/\/i0.wp.com\/itayachtscanada.com\/wp-content\/uploads\/2026\/02\/Capture-decran-le-2026-02-04-a-11.19.23.jpg?w=1400&amp;ssl=1 1400w\" sizes=\"auto, (max-width: 300px) 100vw, 300px\" data-attachment-id=\"299033\" data-permalink=\"https:\/\/itayachtscanada.com\/fr\/listing\/absolute-navetta-48-2025-1799000-usd-for-sale\/capture-decran-le-2026-02-04-a-11-19-23\/\" data-orig-file=\"https:\/\/i0.wp.com\/itayachtscanada.com\/wp-content\/uploads\/2026\/02\/Capture-decran-le-2026-02-04-a-11.19.23.jpg?fit=1480%2C978&amp;ssl=1\" data-orig-size=\"1480,978\" data-comments-opened=\"1\" data-image-meta=\"{&quot;aperture&quot;:&quot;0&quot;,&quot;credit&quot;:&quot;&quot;,&quot;camera&quot;:&quot;&quot;,&quot;caption&quot;:&quot;&quot;,&quot;created_timestamp&quot;:&quot;0&quot;,&quot;copyright&quot;:&quot;&quot;,&quot;focal_length&quot;:&quot;0&quot;,&quot;iso&quot;:&quot;0&quot;,&quot;shutter_speed&quot;:&quot;0&quot;,&quot;title&quot;:&quot;&quot;,&quot;orientation&quot;:&quot;0&quot;}\" data-image-title=\"Capture d\u2019e\u0301cran, le 2026-02-04 a\u0300 11.19.23\" data-image-description=\"\" data-image-caption=\"\" data-large-file=\"https:\/\/i0.wp.com\/itayachtscanada.com\/wp-content\/uploads\/2026\/02\/Capture-decran-le-2026-02-04-a-11.19.23.jpg?fit=700%2C463&amp;ssl=1\" \/><\/a>\n\t\t\t<\/div><\/figure><figure class='gallery-item'>\n\t\t\t<div class='gallery-icon landscape'>\n\t\t\t\t<a href='https:\/\/itayachtscanada.com\/fr\/listing\/absolute-navetta-48-2025-1799000-usd-for-sale\/capture-decran-le-2026-02-04-a-11-19-10\/'><img loading=\"lazy\" decoding=\"async\" width=\"300\" height=\"198\" src=\"https:\/\/i0.wp.com\/itayachtscanada.com\/wp-content\/uploads\/2026\/02\/Capture-decran-le-2026-02-04-a-11.19.10.jpg?fit=300%2C198&amp;ssl=1\" class=\"attachment-medium size-medium\" alt=\"\" srcset=\"https:\/\/i0.wp.com\/itayachtscanada.com\/wp-content\/uploads\/2026\/02\/Capture-decran-le-2026-02-04-a-11.19.10.jpg?w=1480&amp;ssl=1 1480w, https:\/\/i0.wp.com\/itayachtscanada.com\/wp-content\/uploads\/2026\/02\/Capture-decran-le-2026-02-04-a-11.19.10.jpg?resize=300%2C198&amp;ssl=1 300w, https:\/\/i0.wp.com\/itayachtscanada.com\/wp-content\/uploads\/2026\/02\/Capture-decran-le-2026-02-04-a-11.19.10.jpg?resize=1024%2C677&amp;ssl=1 1024w, https:\/\/i0.wp.com\/itayachtscanada.com\/wp-content\/uploads\/2026\/02\/Capture-decran-le-2026-02-04-a-11.19.10.jpg?resize=768%2C508&amp;ssl=1 768w, https:\/\/i0.wp.com\/itayachtscanada.com\/wp-content\/uploads\/2026\/02\/Capture-decran-le-2026-02-04-a-11.19.10.jpg?resize=700%2C463&amp;ssl=1 700w, https:\/\/i0.wp.com\/itayachtscanada.com\/wp-content\/uploads\/2026\/02\/Capture-decran-le-2026-02-04-a-11.19.10.jpg?resize=605%2C400&amp;ssl=1 605w, https:\/\/i0.wp.com\/itayachtscanada.com\/wp-content\/uploads\/2026\/02\/Capture-decran-le-2026-02-04-a-11.19.10.jpg?w=1400&amp;ssl=1 1400w\" sizes=\"auto, (max-width: 300px) 100vw, 300px\" data-attachment-id=\"299036\" data-permalink=\"https:\/\/itayachtscanada.com\/fr\/listing\/absolute-navetta-48-2025-1799000-usd-for-sale\/capture-decran-le-2026-02-04-a-11-19-10\/\" data-orig-file=\"https:\/\/i0.wp.com\/itayachtscanada.com\/wp-content\/uploads\/2026\/02\/Capture-decran-le-2026-02-04-a-11.19.10.jpg?fit=1480%2C978&amp;ssl=1\" data-orig-size=\"1480,978\" data-comments-opened=\"1\" data-image-meta=\"{&quot;aperture&quot;:&quot;0&quot;,&quot;credit&quot;:&quot;&quot;,&quot;camera&quot;:&quot;&quot;,&quot;caption&quot;:&quot;&quot;,&quot;created_timestamp&quot;:&quot;0&quot;,&quot;copyright&quot;:&quot;&quot;,&quot;focal_length&quot;:&quot;0&quot;,&quot;iso&quot;:&quot;0&quot;,&quot;shutter_speed&quot;:&quot;0&quot;,&quot;title&quot;:&quot;&quot;,&quot;orientation&quot;:&quot;0&quot;}\" data-image-title=\"Capture d\u2019e\u0301cran, le 2026-02-04 a\u0300 11.19.10\" data-image-description=\"\" data-image-caption=\"\" data-large-file=\"https:\/\/i0.wp.com\/itayachtscanada.com\/wp-content\/uploads\/2026\/02\/Capture-decran-le-2026-02-04-a-11.19.10.jpg?fit=700%2C463&amp;ssl=1\" \/><\/a>\n\t\t\t<\/div><\/figure><figure class='gallery-item'>\n\t\t\t<div class='gallery-icon landscape'>\n\t\t\t\t<a href='https:\/\/itayachtscanada.com\/fr\/listing\/absolute-navetta-48-2025-1799000-usd-for-sale\/capture-decran-le-2026-02-04-a-11-19-15\/'><img loading=\"lazy\" decoding=\"async\" width=\"300\" height=\"198\" src=\"https:\/\/i0.wp.com\/itayachtscanada.com\/wp-content\/uploads\/2026\/02\/Capture-decran-le-2026-02-04-a-11.19.15.jpg?fit=300%2C198&amp;ssl=1\" class=\"attachment-medium size-medium\" alt=\"\" srcset=\"https:\/\/i0.wp.com\/itayachtscanada.com\/wp-content\/uploads\/2026\/02\/Capture-decran-le-2026-02-04-a-11.19.15.jpg?w=1480&amp;ssl=1 1480w, https:\/\/i0.wp.com\/itayachtscanada.com\/wp-content\/uploads\/2026\/02\/Capture-decran-le-2026-02-04-a-11.19.15.jpg?resize=300%2C198&amp;ssl=1 300w, https:\/\/i0.wp.com\/itayachtscanada.com\/wp-content\/uploads\/2026\/02\/Capture-decran-le-2026-02-04-a-11.19.15.jpg?resize=1024%2C677&amp;ssl=1 1024w, https:\/\/i0.wp.com\/itayachtscanada.com\/wp-content\/uploads\/2026\/02\/Capture-decran-le-2026-02-04-a-11.19.15.jpg?resize=768%2C508&amp;ssl=1 768w, https:\/\/i0.wp.com\/itayachtscanada.com\/wp-content\/uploads\/2026\/02\/Capture-decran-le-2026-02-04-a-11.19.15.jpg?resize=700%2C463&amp;ssl=1 700w, https:\/\/i0.wp.com\/itayachtscanada.com\/wp-content\/uploads\/2026\/02\/Capture-decran-le-2026-02-04-a-11.19.15.jpg?resize=605%2C400&amp;ssl=1 605w, https:\/\/i0.wp.com\/itayachtscanada.com\/wp-content\/uploads\/2026\/02\/Capture-decran-le-2026-02-04-a-11.19.15.jpg?w=1400&amp;ssl=1 1400w\" sizes=\"auto, (max-width: 300px) 100vw, 300px\" data-attachment-id=\"299035\" data-permalink=\"https:\/\/itayachtscanada.com\/fr\/listing\/absolute-navetta-48-2025-1799000-usd-for-sale\/capture-decran-le-2026-02-04-a-11-19-15\/\" data-orig-file=\"https:\/\/i0.wp.com\/itayachtscanada.com\/wp-content\/uploads\/2026\/02\/Capture-decran-le-2026-02-04-a-11.19.15.jpg?fit=1480%2C978&amp;ssl=1\" data-orig-size=\"1480,978\" data-comments-opened=\"1\" data-image-meta=\"{&quot;aperture&quot;:&quot;0&quot;,&quot;credit&quot;:&quot;&quot;,&quot;camera&quot;:&quot;&quot;,&quot;caption&quot;:&quot;&quot;,&quot;created_timestamp&quot;:&quot;0&quot;,&quot;copyright&quot;:&quot;&quot;,&quot;focal_length&quot;:&quot;0&quot;,&quot;iso&quot;:&quot;0&quot;,&quot;shutter_speed&quot;:&quot;0&quot;,&quot;title&quot;:&quot;&quot;,&quot;orientation&quot;:&quot;0&quot;}\" data-image-title=\"Capture d\u2019e\u0301cran, le 2026-02-04 a\u0300 11.19.15\" data-image-description=\"\" data-image-caption=\"\" data-large-file=\"https:\/\/i0.wp.com\/itayachtscanada.com\/wp-content\/uploads\/2026\/02\/Capture-decran-le-2026-02-04-a-11.19.15.jpg?fit=700%2C463&amp;ssl=1\" \/><\/a>\n\t\t\t<\/div><\/figure><figure class='gallery-item'>\n\t\t\t<div class='gallery-icon landscape'>\n\t\t\t\t<a href='https:\/\/itayachtscanada.com\/fr\/listing\/absolute-navetta-48-2025-1799000-usd-for-sale\/capture-decran-le-2026-02-04-a-11-17-26\/'><img loading=\"lazy\" decoding=\"async\" width=\"300\" height=\"198\" src=\"https:\/\/i0.wp.com\/itayachtscanada.com\/wp-content\/uploads\/2026\/02\/Capture-decran-le-2026-02-04-a-11.17.26.jpg?fit=300%2C198&amp;ssl=1\" class=\"attachment-medium size-medium\" alt=\"\" srcset=\"https:\/\/i0.wp.com\/itayachtscanada.com\/wp-content\/uploads\/2026\/02\/Capture-decran-le-2026-02-04-a-11.17.26.jpg?w=1480&amp;ssl=1 1480w, https:\/\/i0.wp.com\/itayachtscanada.com\/wp-content\/uploads\/2026\/02\/Capture-decran-le-2026-02-04-a-11.17.26.jpg?resize=300%2C198&amp;ssl=1 300w, https:\/\/i0.wp.com\/itayachtscanada.com\/wp-content\/uploads\/2026\/02\/Capture-decran-le-2026-02-04-a-11.17.26.jpg?resize=1024%2C677&amp;ssl=1 1024w, https:\/\/i0.wp.com\/itayachtscanada.com\/wp-content\/uploads\/2026\/02\/Capture-decran-le-2026-02-04-a-11.17.26.jpg?resize=768%2C508&amp;ssl=1 768w, https:\/\/i0.wp.com\/itayachtscanada.com\/wp-content\/uploads\/2026\/02\/Capture-decran-le-2026-02-04-a-11.17.26.jpg?resize=700%2C463&amp;ssl=1 700w, https:\/\/i0.wp.com\/itayachtscanada.com\/wp-content\/uploads\/2026\/02\/Capture-decran-le-2026-02-04-a-11.17.26.jpg?resize=605%2C400&amp;ssl=1 605w, https:\/\/i0.wp.com\/itayachtscanada.com\/wp-content\/uploads\/2026\/02\/Capture-decran-le-2026-02-04-a-11.17.26.jpg?w=1400&amp;ssl=1 1400w\" sizes=\"auto, (max-width: 300px) 100vw, 300px\" data-attachment-id=\"299055\" data-permalink=\"https:\/\/itayachtscanada.com\/fr\/listing\/absolute-navetta-48-2025-1799000-usd-for-sale\/capture-decran-le-2026-02-04-a-11-17-26\/\" data-orig-file=\"https:\/\/i0.wp.com\/itayachtscanada.com\/wp-content\/uploads\/2026\/02\/Capture-decran-le-2026-02-04-a-11.17.26.jpg?fit=1480%2C978&amp;ssl=1\" data-orig-size=\"1480,978\" data-comments-opened=\"1\" data-image-meta=\"{&quot;aperture&quot;:&quot;0&quot;,&quot;credit&quot;:&quot;&quot;,&quot;camera&quot;:&quot;&quot;,&quot;caption&quot;:&quot;&quot;,&quot;created_timestamp&quot;:&quot;0&quot;,&quot;copyright&quot;:&quot;&quot;,&quot;focal_length&quot;:&quot;0&quot;,&quot;iso&quot;:&quot;0&quot;,&quot;shutter_speed&quot;:&quot;0&quot;,&quot;title&quot;:&quot;&quot;,&quot;orientation&quot;:&quot;0&quot;}\" data-image-title=\"Capture d\u2019e\u0301cran, le 2026-02-04 a\u0300 11.17.26\" data-image-description=\"\" data-image-caption=\"\" data-large-file=\"https:\/\/i0.wp.com\/itayachtscanada.com\/wp-content\/uploads\/2026\/02\/Capture-decran-le-2026-02-04-a-11.17.26.jpg?fit=700%2C463&amp;ssl=1\" \/><\/a>\n\t\t\t<\/div><\/figure><figure class='gallery-item'>\n\t\t\t<div class='gallery-icon landscape'>\n\t\t\t\t<a href='https:\/\/itayachtscanada.com\/fr\/listing\/absolute-navetta-48-2025-1799000-usd-for-sale\/capture-decran-le-2026-02-04-a-11-17-59\/'><img loading=\"lazy\" decoding=\"async\" width=\"300\" height=\"198\" src=\"https:\/\/i0.wp.com\/itayachtscanada.com\/wp-content\/uploads\/2026\/02\/Capture-decran-le-2026-02-04-a-11.17.59.jpg?fit=300%2C198&amp;ssl=1\" class=\"attachment-medium size-medium\" alt=\"\" srcset=\"https:\/\/i0.wp.com\/itayachtscanada.com\/wp-content\/uploads\/2026\/02\/Capture-decran-le-2026-02-04-a-11.17.59.jpg?w=1480&amp;ssl=1 1480w, https:\/\/i0.wp.com\/itayachtscanada.com\/wp-content\/uploads\/2026\/02\/Capture-decran-le-2026-02-04-a-11.17.59.jpg?resize=300%2C198&amp;ssl=1 300w, https:\/\/i0.wp.com\/itayachtscanada.com\/wp-content\/uploads\/2026\/02\/Capture-decran-le-2026-02-04-a-11.17.59.jpg?resize=1024%2C677&amp;ssl=1 1024w, https:\/\/i0.wp.com\/itayachtscanada.com\/wp-content\/uploads\/2026\/02\/Capture-decran-le-2026-02-04-a-11.17.59.jpg?resize=768%2C508&amp;ssl=1 768w, https:\/\/i0.wp.com\/itayachtscanada.com\/wp-content\/uploads\/2026\/02\/Capture-decran-le-2026-02-04-a-11.17.59.jpg?resize=700%2C463&amp;ssl=1 700w, https:\/\/i0.wp.com\/itayachtscanada.com\/wp-content\/uploads\/2026\/02\/Capture-decran-le-2026-02-04-a-11.17.59.jpg?resize=605%2C400&amp;ssl=1 605w, https:\/\/i0.wp.com\/itayachtscanada.com\/wp-content\/uploads\/2026\/02\/Capture-decran-le-2026-02-04-a-11.17.59.jpg?w=1400&amp;ssl=1 1400w\" sizes=\"auto, (max-width: 300px) 100vw, 300px\" data-attachment-id=\"299049\" data-permalink=\"https:\/\/itayachtscanada.com\/fr\/listing\/absolute-navetta-48-2025-1799000-usd-for-sale\/capture-decran-le-2026-02-04-a-11-17-59\/\" data-orig-file=\"https:\/\/i0.wp.com\/itayachtscanada.com\/wp-content\/uploads\/2026\/02\/Capture-decran-le-2026-02-04-a-11.17.59.jpg?fit=1480%2C978&amp;ssl=1\" data-orig-size=\"1480,978\" data-comments-opened=\"1\" data-image-meta=\"{&quot;aperture&quot;:&quot;0&quot;,&quot;credit&quot;:&quot;&quot;,&quot;camera&quot;:&quot;&quot;,&quot;caption&quot;:&quot;&quot;,&quot;created_timestamp&quot;:&quot;0&quot;,&quot;copyright&quot;:&quot;&quot;,&quot;focal_length&quot;:&quot;0&quot;,&quot;iso&quot;:&quot;0&quot;,&quot;shutter_speed&quot;:&quot;0&quot;,&quot;title&quot;:&quot;&quot;,&quot;orientation&quot;:&quot;0&quot;}\" data-image-title=\"Capture d\u2019e\u0301cran, le 2026-02-04 a\u0300 11.17.59\" data-image-description=\"\" data-image-caption=\"\" data-large-file=\"https:\/\/i0.wp.com\/itayachtscanada.com\/wp-content\/uploads\/2026\/02\/Capture-decran-le-2026-02-04-a-11.17.59.jpg?fit=700%2C463&amp;ssl=1\" \/><\/a>\n\t\t\t<\/div><\/figure><figure class='gallery-item'>\n\t\t\t<div class='gallery-icon landscape'>\n\t\t\t\t<a href='https:\/\/itayachtscanada.com\/fr\/listing\/absolute-navetta-48-2025-1799000-usd-for-sale\/capture-decran-le-2026-02-04-a-11-17-56\/'><img loading=\"lazy\" decoding=\"async\" width=\"300\" height=\"198\" src=\"https:\/\/i0.wp.com\/itayachtscanada.com\/wp-content\/uploads\/2026\/02\/Capture-decran-le-2026-02-04-a-11.17.56.jpg?fit=300%2C198&amp;ssl=1\" class=\"attachment-medium size-medium\" alt=\"\" srcset=\"https:\/\/i0.wp.com\/itayachtscanada.com\/wp-content\/uploads\/2026\/02\/Capture-decran-le-2026-02-04-a-11.17.56.jpg?w=1480&amp;ssl=1 1480w, https:\/\/i0.wp.com\/itayachtscanada.com\/wp-content\/uploads\/2026\/02\/Capture-decran-le-2026-02-04-a-11.17.56.jpg?resize=300%2C198&amp;ssl=1 300w, https:\/\/i0.wp.com\/itayachtscanada.com\/wp-content\/uploads\/2026\/02\/Capture-decran-le-2026-02-04-a-11.17.56.jpg?resize=1024%2C677&amp;ssl=1 1024w, https:\/\/i0.wp.com\/itayachtscanada.com\/wp-content\/uploads\/2026\/02\/Capture-decran-le-2026-02-04-a-11.17.56.jpg?resize=768%2C508&amp;ssl=1 768w, https:\/\/i0.wp.com\/itayachtscanada.com\/wp-content\/uploads\/2026\/02\/Capture-decran-le-2026-02-04-a-11.17.56.jpg?resize=700%2C463&amp;ssl=1 700w, https:\/\/i0.wp.com\/itayachtscanada.com\/wp-content\/uploads\/2026\/02\/Capture-decran-le-2026-02-04-a-11.17.56.jpg?resize=605%2C400&amp;ssl=1 605w, https:\/\/i0.wp.com\/itayachtscanada.com\/wp-content\/uploads\/2026\/02\/Capture-decran-le-2026-02-04-a-11.17.56.jpg?w=1400&amp;ssl=1 1400w\" sizes=\"auto, (max-width: 300px) 100vw, 300px\" data-attachment-id=\"299050\" data-permalink=\"https:\/\/itayachtscanada.com\/fr\/listing\/absolute-navetta-48-2025-1799000-usd-for-sale\/capture-decran-le-2026-02-04-a-11-17-56\/\" data-orig-file=\"https:\/\/i0.wp.com\/itayachtscanada.com\/wp-content\/uploads\/2026\/02\/Capture-decran-le-2026-02-04-a-11.17.56.jpg?fit=1480%2C978&amp;ssl=1\" data-orig-size=\"1480,978\" data-comments-opened=\"1\" data-image-meta=\"{&quot;aperture&quot;:&quot;0&quot;,&quot;credit&quot;:&quot;&quot;,&quot;camera&quot;:&quot;&quot;,&quot;caption&quot;:&quot;&quot;,&quot;created_timestamp&quot;:&quot;0&quot;,&quot;copyright&quot;:&quot;&quot;,&quot;focal_length&quot;:&quot;0&quot;,&quot;iso&quot;:&quot;0&quot;,&quot;shutter_speed&quot;:&quot;0&quot;,&quot;title&quot;:&quot;&quot;,&quot;orientation&quot;:&quot;0&quot;}\" data-image-title=\"Capture d\u2019e\u0301cran, le 2026-02-04 a\u0300 11.17.56\" data-image-description=\"\" data-image-caption=\"\" data-large-file=\"https:\/\/i0.wp.com\/itayachtscanada.com\/wp-content\/uploads\/2026\/02\/Capture-decran-le-2026-02-04-a-11.17.56.jpg?fit=700%2C463&amp;ssl=1\" \/><\/a>\n\t\t\t<\/div><\/figure><figure class='gallery-item'>\n\t\t\t<div class='gallery-icon landscape'>\n\t\t\t\t<a href='https:\/\/itayachtscanada.com\/fr\/listing\/absolute-navetta-48-2025-1799000-usd-for-sale\/capture-decran-le-2026-02-04-a-11-17-52\/'><img loading=\"lazy\" decoding=\"async\" width=\"300\" height=\"198\" src=\"https:\/\/i0.wp.com\/itayachtscanada.com\/wp-content\/uploads\/2026\/02\/Capture-decran-le-2026-02-04-a-11.17.52.jpg?fit=300%2C198&amp;ssl=1\" class=\"attachment-medium size-medium\" alt=\"\" srcset=\"https:\/\/i0.wp.com\/itayachtscanada.com\/wp-content\/uploads\/2026\/02\/Capture-decran-le-2026-02-04-a-11.17.52.jpg?w=1480&amp;ssl=1 1480w, https:\/\/i0.wp.com\/itayachtscanada.com\/wp-content\/uploads\/2026\/02\/Capture-decran-le-2026-02-04-a-11.17.52.jpg?resize=300%2C198&amp;ssl=1 300w, https:\/\/i0.wp.com\/itayachtscanada.com\/wp-content\/uploads\/2026\/02\/Capture-decran-le-2026-02-04-a-11.17.52.jpg?resize=1024%2C677&amp;ssl=1 1024w, https:\/\/i0.wp.com\/itayachtscanada.com\/wp-content\/uploads\/2026\/02\/Capture-decran-le-2026-02-04-a-11.17.52.jpg?resize=768%2C508&amp;ssl=1 768w, https:\/\/i0.wp.com\/itayachtscanada.com\/wp-content\/uploads\/2026\/02\/Capture-decran-le-2026-02-04-a-11.17.52.jpg?resize=700%2C463&amp;ssl=1 700w, https:\/\/i0.wp.com\/itayachtscanada.com\/wp-content\/uploads\/2026\/02\/Capture-decran-le-2026-02-04-a-11.17.52.jpg?resize=605%2C400&amp;ssl=1 605w, https:\/\/i0.wp.com\/itayachtscanada.com\/wp-content\/uploads\/2026\/02\/Capture-decran-le-2026-02-04-a-11.17.52.jpg?w=1400&amp;ssl=1 1400w\" sizes=\"auto, (max-width: 300px) 100vw, 300px\" data-attachment-id=\"299051\" data-permalink=\"https:\/\/itayachtscanada.com\/fr\/listing\/absolute-navetta-48-2025-1799000-usd-for-sale\/capture-decran-le-2026-02-04-a-11-17-52\/\" data-orig-file=\"https:\/\/i0.wp.com\/itayachtscanada.com\/wp-content\/uploads\/2026\/02\/Capture-decran-le-2026-02-04-a-11.17.52.jpg?fit=1480%2C978&amp;ssl=1\" data-orig-size=\"1480,978\" data-comments-opened=\"1\" data-image-meta=\"{&quot;aperture&quot;:&quot;0&quot;,&quot;credit&quot;:&quot;&quot;,&quot;camera&quot;:&quot;&quot;,&quot;caption&quot;:&quot;&quot;,&quot;created_timestamp&quot;:&quot;0&quot;,&quot;copyright&quot;:&quot;&quot;,&quot;focal_length&quot;:&quot;0&quot;,&quot;iso&quot;:&quot;0&quot;,&quot;shutter_speed&quot;:&quot;0&quot;,&quot;title&quot;:&quot;&quot;,&quot;orientation&quot;:&quot;0&quot;}\" data-image-title=\"Capture d\u2019e\u0301cran, le 2026-02-04 a\u0300 11.17.52\" data-image-description=\"\" data-image-caption=\"\" data-large-file=\"https:\/\/i0.wp.com\/itayachtscanada.com\/wp-content\/uploads\/2026\/02\/Capture-decran-le-2026-02-04-a-11.17.52.jpg?fit=700%2C463&amp;ssl=1\" \/><\/a>\n\t\t\t<\/div><\/figure><figure class='gallery-item'>\n\t\t\t<div class='gallery-icon landscape'>\n\t\t\t\t<a href='https:\/\/itayachtscanada.com\/fr\/listing\/absolute-navetta-48-2025-1799000-usd-for-sale\/capture-decran-le-2026-02-04-a-11-19-03\/'><img loading=\"lazy\" decoding=\"async\" width=\"300\" height=\"198\" src=\"https:\/\/i0.wp.com\/itayachtscanada.com\/wp-content\/uploads\/2026\/02\/Capture-decran-le-2026-02-04-a-11.19.03.jpg?fit=300%2C198&amp;ssl=1\" class=\"attachment-medium size-medium\" alt=\"\" srcset=\"https:\/\/i0.wp.com\/itayachtscanada.com\/wp-content\/uploads\/2026\/02\/Capture-decran-le-2026-02-04-a-11.19.03.jpg?w=1480&amp;ssl=1 1480w, https:\/\/i0.wp.com\/itayachtscanada.com\/wp-content\/uploads\/2026\/02\/Capture-decran-le-2026-02-04-a-11.19.03.jpg?resize=300%2C198&amp;ssl=1 300w, https:\/\/i0.wp.com\/itayachtscanada.com\/wp-content\/uploads\/2026\/02\/Capture-decran-le-2026-02-04-a-11.19.03.jpg?resize=1024%2C677&amp;ssl=1 1024w, https:\/\/i0.wp.com\/itayachtscanada.com\/wp-content\/uploads\/2026\/02\/Capture-decran-le-2026-02-04-a-11.19.03.jpg?resize=768%2C508&amp;ssl=1 768w, https:\/\/i0.wp.com\/itayachtscanada.com\/wp-content\/uploads\/2026\/02\/Capture-decran-le-2026-02-04-a-11.19.03.jpg?resize=700%2C463&amp;ssl=1 700w, https:\/\/i0.wp.com\/itayachtscanada.com\/wp-content\/uploads\/2026\/02\/Capture-decran-le-2026-02-04-a-11.19.03.jpg?resize=605%2C400&amp;ssl=1 605w, https:\/\/i0.wp.com\/itayachtscanada.com\/wp-content\/uploads\/2026\/02\/Capture-decran-le-2026-02-04-a-11.19.03.jpg?w=1400&amp;ssl=1 1400w\" sizes=\"auto, (max-width: 300px) 100vw, 300px\" data-attachment-id=\"299037\" data-permalink=\"https:\/\/itayachtscanada.com\/fr\/listing\/absolute-navetta-48-2025-1799000-usd-for-sale\/capture-decran-le-2026-02-04-a-11-19-03\/\" data-orig-file=\"https:\/\/i0.wp.com\/itayachtscanada.com\/wp-content\/uploads\/2026\/02\/Capture-decran-le-2026-02-04-a-11.19.03.jpg?fit=1480%2C978&amp;ssl=1\" data-orig-size=\"1480,978\" data-comments-opened=\"1\" data-image-meta=\"{&quot;aperture&quot;:&quot;0&quot;,&quot;credit&quot;:&quot;&quot;,&quot;camera&quot;:&quot;&quot;,&quot;caption&quot;:&quot;&quot;,&quot;created_timestamp&quot;:&quot;0&quot;,&quot;copyright&quot;:&quot;&quot;,&quot;focal_length&quot;:&quot;0&quot;,&quot;iso&quot;:&quot;0&quot;,&quot;shutter_speed&quot;:&quot;0&quot;,&quot;title&quot;:&quot;&quot;,&quot;orientation&quot;:&quot;0&quot;}\" data-image-title=\"Capture d\u2019e\u0301cran, le 2026-02-04 a\u0300 11.19.03\" data-image-description=\"\" data-image-caption=\"\" data-large-file=\"https:\/\/i0.wp.com\/itayachtscanada.com\/wp-content\/uploads\/2026\/02\/Capture-decran-le-2026-02-04-a-11.19.03.jpg?fit=700%2C463&amp;ssl=1\" \/><\/a>\n\t\t\t<\/div><\/figure><figure class='gallery-item'>\n\t\t\t<div class='gallery-icon landscape'>\n\t\t\t\t<a href='https:\/\/itayachtscanada.com\/fr\/listing\/absolute-navetta-48-2025-1799000-usd-for-sale\/capture-decran-le-2026-02-04-a-11-18-16\/'><img loading=\"lazy\" decoding=\"async\" width=\"300\" height=\"198\" src=\"https:\/\/i0.wp.com\/itayachtscanada.com\/wp-content\/uploads\/2026\/02\/Capture-decran-le-2026-02-04-a-11.18.16.jpg?fit=300%2C198&amp;ssl=1\" class=\"attachment-medium size-medium\" alt=\"\" srcset=\"https:\/\/i0.wp.com\/itayachtscanada.com\/wp-content\/uploads\/2026\/02\/Capture-decran-le-2026-02-04-a-11.18.16.jpg?w=1480&amp;ssl=1 1480w, https:\/\/i0.wp.com\/itayachtscanada.com\/wp-content\/uploads\/2026\/02\/Capture-decran-le-2026-02-04-a-11.18.16.jpg?resize=300%2C198&amp;ssl=1 300w, https:\/\/i0.wp.com\/itayachtscanada.com\/wp-content\/uploads\/2026\/02\/Capture-decran-le-2026-02-04-a-11.18.16.jpg?resize=1024%2C677&amp;ssl=1 1024w, https:\/\/i0.wp.com\/itayachtscanada.com\/wp-content\/uploads\/2026\/02\/Capture-decran-le-2026-02-04-a-11.18.16.jpg?resize=768%2C508&amp;ssl=1 768w, https:\/\/i0.wp.com\/itayachtscanada.com\/wp-content\/uploads\/2026\/02\/Capture-decran-le-2026-02-04-a-11.18.16.jpg?resize=700%2C463&amp;ssl=1 700w, https:\/\/i0.wp.com\/itayachtscanada.com\/wp-content\/uploads\/2026\/02\/Capture-decran-le-2026-02-04-a-11.18.16.jpg?resize=605%2C400&amp;ssl=1 605w, https:\/\/i0.wp.com\/itayachtscanada.com\/wp-content\/uploads\/2026\/02\/Capture-decran-le-2026-02-04-a-11.18.16.jpg?w=1400&amp;ssl=1 1400w\" sizes=\"auto, (max-width: 300px) 100vw, 300px\" data-attachment-id=\"299046\" data-permalink=\"https:\/\/itayachtscanada.com\/fr\/listing\/absolute-navetta-48-2025-1799000-usd-for-sale\/capture-decran-le-2026-02-04-a-11-18-16\/\" data-orig-file=\"https:\/\/i0.wp.com\/itayachtscanada.com\/wp-content\/uploads\/2026\/02\/Capture-decran-le-2026-02-04-a-11.18.16.jpg?fit=1480%2C978&amp;ssl=1\" data-orig-size=\"1480,978\" data-comments-opened=\"1\" data-image-meta=\"{&quot;aperture&quot;:&quot;0&quot;,&quot;credit&quot;:&quot;&quot;,&quot;camera&quot;:&quot;&quot;,&quot;caption&quot;:&quot;&quot;,&quot;created_timestamp&quot;:&quot;0&quot;,&quot;copyright&quot;:&quot;&quot;,&quot;focal_length&quot;:&quot;0&quot;,&quot;iso&quot;:&quot;0&quot;,&quot;shutter_speed&quot;:&quot;0&quot;,&quot;title&quot;:&quot;&quot;,&quot;orientation&quot;:&quot;0&quot;}\" data-image-title=\"Capture d\u2019e\u0301cran, le 2026-02-04 a\u0300 11.18.16\" data-image-description=\"\" data-image-caption=\"\" data-large-file=\"https:\/\/i0.wp.com\/itayachtscanada.com\/wp-content\/uploads\/2026\/02\/Capture-decran-le-2026-02-04-a-11.18.16.jpg?fit=700%2C463&amp;ssl=1\" \/><\/a>\n\t\t\t<\/div><\/figure><figure class='gallery-item'>\n\t\t\t<div class='gallery-icon landscape'>\n\t\t\t\t<a href='https:\/\/itayachtscanada.com\/fr\/listing\/absolute-navetta-48-2025-1799000-usd-for-sale\/capture-decran-le-2026-02-04-a-11-18-42\/'><img loading=\"lazy\" decoding=\"async\" width=\"300\" height=\"198\" src=\"https:\/\/i0.wp.com\/itayachtscanada.com\/wp-content\/uploads\/2026\/02\/Capture-decran-le-2026-02-04-a-11.18.42.jpg?fit=300%2C198&amp;ssl=1\" class=\"attachment-medium size-medium\" alt=\"\" srcset=\"https:\/\/i0.wp.com\/itayachtscanada.com\/wp-content\/uploads\/2026\/02\/Capture-decran-le-2026-02-04-a-11.18.42.jpg?w=1480&amp;ssl=1 1480w, https:\/\/i0.wp.com\/itayachtscanada.com\/wp-content\/uploads\/2026\/02\/Capture-decran-le-2026-02-04-a-11.18.42.jpg?resize=300%2C198&amp;ssl=1 300w, https:\/\/i0.wp.com\/itayachtscanada.com\/wp-content\/uploads\/2026\/02\/Capture-decran-le-2026-02-04-a-11.18.42.jpg?resize=1024%2C677&amp;ssl=1 1024w, https:\/\/i0.wp.com\/itayachtscanada.com\/wp-content\/uploads\/2026\/02\/Capture-decran-le-2026-02-04-a-11.18.42.jpg?resize=768%2C508&amp;ssl=1 768w, https:\/\/i0.wp.com\/itayachtscanada.com\/wp-content\/uploads\/2026\/02\/Capture-decran-le-2026-02-04-a-11.18.42.jpg?resize=700%2C463&amp;ssl=1 700w, https:\/\/i0.wp.com\/itayachtscanada.com\/wp-content\/uploads\/2026\/02\/Capture-decran-le-2026-02-04-a-11.18.42.jpg?resize=605%2C400&amp;ssl=1 605w, https:\/\/i0.wp.com\/itayachtscanada.com\/wp-content\/uploads\/2026\/02\/Capture-decran-le-2026-02-04-a-11.18.42.jpg?w=1400&amp;ssl=1 1400w\" sizes=\"auto, (max-width: 300px) 100vw, 300px\" data-attachment-id=\"299039\" data-permalink=\"https:\/\/itayachtscanada.com\/fr\/listing\/absolute-navetta-48-2025-1799000-usd-for-sale\/capture-decran-le-2026-02-04-a-11-18-42\/\" data-orig-file=\"https:\/\/i0.wp.com\/itayachtscanada.com\/wp-content\/uploads\/2026\/02\/Capture-decran-le-2026-02-04-a-11.18.42.jpg?fit=1480%2C978&amp;ssl=1\" data-orig-size=\"1480,978\" data-comments-opened=\"1\" data-image-meta=\"{&quot;aperture&quot;:&quot;0&quot;,&quot;credit&quot;:&quot;&quot;,&quot;camera&quot;:&quot;&quot;,&quot;caption&quot;:&quot;&quot;,&quot;created_timestamp&quot;:&quot;0&quot;,&quot;copyright&quot;:&quot;&quot;,&quot;focal_length&quot;:&quot;0&quot;,&quot;iso&quot;:&quot;0&quot;,&quot;shutter_speed&quot;:&quot;0&quot;,&quot;title&quot;:&quot;&quot;,&quot;orientation&quot;:&quot;0&quot;}\" data-image-title=\"Capture d\u2019e\u0301cran, le 2026-02-04 a\u0300 11.18.42\" data-image-description=\"\" data-image-caption=\"\" data-large-file=\"https:\/\/i0.wp.com\/itayachtscanada.com\/wp-content\/uploads\/2026\/02\/Capture-decran-le-2026-02-04-a-11.18.42.jpg?fit=700%2C463&amp;ssl=1\" \/><\/a>\n\t\t\t<\/div><\/figure><figure class='gallery-item'>\n\t\t\t<div class='gallery-icon landscape'>\n\t\t\t\t<a href='https:\/\/itayachtscanada.com\/fr\/listing\/absolute-navetta-48-2025-1799000-usd-for-sale\/capture-decran-le-2026-02-04-a-11-18-34\/'><img loading=\"lazy\" decoding=\"async\" width=\"300\" height=\"198\" src=\"https:\/\/i0.wp.com\/itayachtscanada.com\/wp-content\/uploads\/2026\/02\/Capture-decran-le-2026-02-04-a-11.18.34.jpg?fit=300%2C198&amp;ssl=1\" class=\"attachment-medium size-medium\" alt=\"\" srcset=\"https:\/\/i0.wp.com\/itayachtscanada.com\/wp-content\/uploads\/2026\/02\/Capture-decran-le-2026-02-04-a-11.18.34.jpg?w=1480&amp;ssl=1 1480w, https:\/\/i0.wp.com\/itayachtscanada.com\/wp-content\/uploads\/2026\/02\/Capture-decran-le-2026-02-04-a-11.18.34.jpg?resize=300%2C198&amp;ssl=1 300w, https:\/\/i0.wp.com\/itayachtscanada.com\/wp-content\/uploads\/2026\/02\/Capture-decran-le-2026-02-04-a-11.18.34.jpg?resize=1024%2C677&amp;ssl=1 1024w, https:\/\/i0.wp.com\/itayachtscanada.com\/wp-content\/uploads\/2026\/02\/Capture-decran-le-2026-02-04-a-11.18.34.jpg?resize=768%2C508&amp;ssl=1 768w, https:\/\/i0.wp.com\/itayachtscanada.com\/wp-content\/uploads\/2026\/02\/Capture-decran-le-2026-02-04-a-11.18.34.jpg?resize=700%2C463&amp;ssl=1 700w, https:\/\/i0.wp.com\/itayachtscanada.com\/wp-content\/uploads\/2026\/02\/Capture-decran-le-2026-02-04-a-11.18.34.jpg?resize=605%2C400&amp;ssl=1 605w, https:\/\/i0.wp.com\/itayachtscanada.com\/wp-content\/uploads\/2026\/02\/Capture-decran-le-2026-02-04-a-11.18.34.jpg?w=1400&amp;ssl=1 1400w\" sizes=\"auto, (max-width: 300px) 100vw, 300px\" data-attachment-id=\"299041\" data-permalink=\"https:\/\/itayachtscanada.com\/fr\/listing\/absolute-navetta-48-2025-1799000-usd-for-sale\/capture-decran-le-2026-02-04-a-11-18-34\/\" data-orig-file=\"https:\/\/i0.wp.com\/itayachtscanada.com\/wp-content\/uploads\/2026\/02\/Capture-decran-le-2026-02-04-a-11.18.34.jpg?fit=1480%2C978&amp;ssl=1\" data-orig-size=\"1480,978\" data-comments-opened=\"1\" data-image-meta=\"{&quot;aperture&quot;:&quot;0&quot;,&quot;credit&quot;:&quot;&quot;,&quot;camera&quot;:&quot;&quot;,&quot;caption&quot;:&quot;&quot;,&quot;created_timestamp&quot;:&quot;0&quot;,&quot;copyright&quot;:&quot;&quot;,&quot;focal_length&quot;:&quot;0&quot;,&quot;iso&quot;:&quot;0&quot;,&quot;shutter_speed&quot;:&quot;0&quot;,&quot;title&quot;:&quot;&quot;,&quot;orientation&quot;:&quot;0&quot;}\" data-image-title=\"Capture d\u2019e\u0301cran, le 2026-02-04 a\u0300 11.18.34\" data-image-description=\"\" data-image-caption=\"\" data-large-file=\"https:\/\/i0.wp.com\/itayachtscanada.com\/wp-content\/uploads\/2026\/02\/Capture-decran-le-2026-02-04-a-11.18.34.jpg?fit=700%2C463&amp;ssl=1\" \/><\/a>\n\t\t\t<\/div><\/figure><figure class='gallery-item'>\n\t\t\t<div class='gallery-icon landscape'>\n\t\t\t\t<a href='https:\/\/itayachtscanada.com\/fr\/listing\/absolute-navetta-48-2025-1799000-usd-for-sale\/capture-decran-le-2026-02-04-a-11-18-30\/'><img loading=\"lazy\" decoding=\"async\" width=\"300\" height=\"198\" src=\"https:\/\/i0.wp.com\/itayachtscanada.com\/wp-content\/uploads\/2026\/02\/Capture-decran-le-2026-02-04-a-11.18.30.jpg?fit=300%2C198&amp;ssl=1\" class=\"attachment-medium size-medium\" alt=\"\" srcset=\"https:\/\/i0.wp.com\/itayachtscanada.com\/wp-content\/uploads\/2026\/02\/Capture-decran-le-2026-02-04-a-11.18.30.jpg?w=1480&amp;ssl=1 1480w, https:\/\/i0.wp.com\/itayachtscanada.com\/wp-content\/uploads\/2026\/02\/Capture-decran-le-2026-02-04-a-11.18.30.jpg?resize=300%2C198&amp;ssl=1 300w, https:\/\/i0.wp.com\/itayachtscanada.com\/wp-content\/uploads\/2026\/02\/Capture-decran-le-2026-02-04-a-11.18.30.jpg?resize=1024%2C677&amp;ssl=1 1024w, https:\/\/i0.wp.com\/itayachtscanada.com\/wp-content\/uploads\/2026\/02\/Capture-decran-le-2026-02-04-a-11.18.30.jpg?resize=768%2C508&amp;ssl=1 768w, https:\/\/i0.wp.com\/itayachtscanada.com\/wp-content\/uploads\/2026\/02\/Capture-decran-le-2026-02-04-a-11.18.30.jpg?resize=700%2C463&amp;ssl=1 700w, https:\/\/i0.wp.com\/itayachtscanada.com\/wp-content\/uploads\/2026\/02\/Capture-decran-le-2026-02-04-a-11.18.30.jpg?resize=605%2C400&amp;ssl=1 605w, https:\/\/i0.wp.com\/itayachtscanada.com\/wp-content\/uploads\/2026\/02\/Capture-decran-le-2026-02-04-a-11.18.30.jpg?w=1400&amp;ssl=1 1400w\" sizes=\"auto, (max-width: 300px) 100vw, 300px\" data-attachment-id=\"299042\" data-permalink=\"https:\/\/itayachtscanada.com\/fr\/listing\/absolute-navetta-48-2025-1799000-usd-for-sale\/capture-decran-le-2026-02-04-a-11-18-30\/\" data-orig-file=\"https:\/\/i0.wp.com\/itayachtscanada.com\/wp-content\/uploads\/2026\/02\/Capture-decran-le-2026-02-04-a-11.18.30.jpg?fit=1480%2C978&amp;ssl=1\" data-orig-size=\"1480,978\" data-comments-opened=\"1\" data-image-meta=\"{&quot;aperture&quot;:&quot;0&quot;,&quot;credit&quot;:&quot;&quot;,&quot;camera&quot;:&quot;&quot;,&quot;caption&quot;:&quot;&quot;,&quot;created_timestamp&quot;:&quot;0&quot;,&quot;copyright&quot;:&quot;&quot;,&quot;focal_length&quot;:&quot;0&quot;,&quot;iso&quot;:&quot;0&quot;,&quot;shutter_speed&quot;:&quot;0&quot;,&quot;title&quot;:&quot;&quot;,&quot;orientation&quot;:&quot;0&quot;}\" data-image-title=\"Capture d\u2019e\u0301cran, le 2026-02-04 a\u0300 11.18.30\" data-image-description=\"\" data-image-caption=\"\" data-large-file=\"https:\/\/i0.wp.com\/itayachtscanada.com\/wp-content\/uploads\/2026\/02\/Capture-decran-le-2026-02-04-a-11.18.30.jpg?fit=700%2C463&amp;ssl=1\" \/><\/a>\n\t\t\t<\/div><\/figure><figure class='gallery-item'>\n\t\t\t<div class='gallery-icon landscape'>\n\t\t\t\t<a href='https:\/\/itayachtscanada.com\/fr\/listing\/absolute-navetta-48-2025-1799000-usd-for-sale\/capture-decran-le-2026-02-04-a-11-18-27\/'><img loading=\"lazy\" decoding=\"async\" width=\"300\" height=\"198\" src=\"https:\/\/i0.wp.com\/itayachtscanada.com\/wp-content\/uploads\/2026\/02\/Capture-decran-le-2026-02-04-a-11.18.27.jpg?fit=300%2C198&amp;ssl=1\" class=\"attachment-medium size-medium\" alt=\"\" srcset=\"https:\/\/i0.wp.com\/itayachtscanada.com\/wp-content\/uploads\/2026\/02\/Capture-decran-le-2026-02-04-a-11.18.27.jpg?w=1480&amp;ssl=1 1480w, https:\/\/i0.wp.com\/itayachtscanada.com\/wp-content\/uploads\/2026\/02\/Capture-decran-le-2026-02-04-a-11.18.27.jpg?resize=300%2C198&amp;ssl=1 300w, https:\/\/i0.wp.com\/itayachtscanada.com\/wp-content\/uploads\/2026\/02\/Capture-decran-le-2026-02-04-a-11.18.27.jpg?resize=1024%2C677&amp;ssl=1 1024w, https:\/\/i0.wp.com\/itayachtscanada.com\/wp-content\/uploads\/2026\/02\/Capture-decran-le-2026-02-04-a-11.18.27.jpg?resize=768%2C508&amp;ssl=1 768w, https:\/\/i0.wp.com\/itayachtscanada.com\/wp-content\/uploads\/2026\/02\/Capture-decran-le-2026-02-04-a-11.18.27.jpg?resize=700%2C463&amp;ssl=1 700w, https:\/\/i0.wp.com\/itayachtscanada.com\/wp-content\/uploads\/2026\/02\/Capture-decran-le-2026-02-04-a-11.18.27.jpg?resize=605%2C400&amp;ssl=1 605w, https:\/\/i0.wp.com\/itayachtscanada.com\/wp-content\/uploads\/2026\/02\/Capture-decran-le-2026-02-04-a-11.18.27.jpg?w=1400&amp;ssl=1 1400w\" sizes=\"auto, (max-width: 300px) 100vw, 300px\" data-attachment-id=\"299043\" data-permalink=\"https:\/\/itayachtscanada.com\/fr\/listing\/absolute-navetta-48-2025-1799000-usd-for-sale\/capture-decran-le-2026-02-04-a-11-18-27\/\" data-orig-file=\"https:\/\/i0.wp.com\/itayachtscanada.com\/wp-content\/uploads\/2026\/02\/Capture-decran-le-2026-02-04-a-11.18.27.jpg?fit=1480%2C978&amp;ssl=1\" data-orig-size=\"1480,978\" data-comments-opened=\"1\" data-image-meta=\"{&quot;aperture&quot;:&quot;0&quot;,&quot;credit&quot;:&quot;&quot;,&quot;camera&quot;:&quot;&quot;,&quot;caption&quot;:&quot;&quot;,&quot;created_timestamp&quot;:&quot;0&quot;,&quot;copyright&quot;:&quot;&quot;,&quot;focal_length&quot;:&quot;0&quot;,&quot;iso&quot;:&quot;0&quot;,&quot;shutter_speed&quot;:&quot;0&quot;,&quot;title&quot;:&quot;&quot;,&quot;orientation&quot;:&quot;0&quot;}\" data-image-title=\"Capture d\u2019e\u0301cran, le 2026-02-04 a\u0300 11.18.27\" data-image-description=\"\" data-image-caption=\"\" data-large-file=\"https:\/\/i0.wp.com\/itayachtscanada.com\/wp-content\/uploads\/2026\/02\/Capture-decran-le-2026-02-04-a-11.18.27.jpg?fit=700%2C463&amp;ssl=1\" \/><\/a>\n\t\t\t<\/div><\/figure><figure class='gallery-item'>\n\t\t\t<div class='gallery-icon landscape'>\n\t\t\t\t<a href='https:\/\/itayachtscanada.com\/fr\/listing\/absolute-navetta-48-2025-1799000-usd-for-sale\/capture-decran-le-2026-02-04-a-11-18-24\/'><img loading=\"lazy\" decoding=\"async\" width=\"300\" height=\"198\" src=\"https:\/\/i0.wp.com\/itayachtscanada.com\/wp-content\/uploads\/2026\/02\/Capture-decran-le-2026-02-04-a-11.18.24.jpg?fit=300%2C198&amp;ssl=1\" class=\"attachment-medium size-medium\" alt=\"\" srcset=\"https:\/\/i0.wp.com\/itayachtscanada.com\/wp-content\/uploads\/2026\/02\/Capture-decran-le-2026-02-04-a-11.18.24.jpg?w=1480&amp;ssl=1 1480w, https:\/\/i0.wp.com\/itayachtscanada.com\/wp-content\/uploads\/2026\/02\/Capture-decran-le-2026-02-04-a-11.18.24.jpg?resize=300%2C198&amp;ssl=1 300w, https:\/\/i0.wp.com\/itayachtscanada.com\/wp-content\/uploads\/2026\/02\/Capture-decran-le-2026-02-04-a-11.18.24.jpg?resize=1024%2C677&amp;ssl=1 1024w, https:\/\/i0.wp.com\/itayachtscanada.com\/wp-content\/uploads\/2026\/02\/Capture-decran-le-2026-02-04-a-11.18.24.jpg?resize=768%2C508&amp;ssl=1 768w, https:\/\/i0.wp.com\/itayachtscanada.com\/wp-content\/uploads\/2026\/02\/Capture-decran-le-2026-02-04-a-11.18.24.jpg?resize=700%2C463&amp;ssl=1 700w, https:\/\/i0.wp.com\/itayachtscanada.com\/wp-content\/uploads\/2026\/02\/Capture-decran-le-2026-02-04-a-11.18.24.jpg?resize=605%2C400&amp;ssl=1 605w, https:\/\/i0.wp.com\/itayachtscanada.com\/wp-content\/uploads\/2026\/02\/Capture-decran-le-2026-02-04-a-11.18.24.jpg?w=1400&amp;ssl=1 1400w\" sizes=\"auto, (max-width: 300px) 100vw, 300px\" data-attachment-id=\"299044\" data-permalink=\"https:\/\/itayachtscanada.com\/fr\/listing\/absolute-navetta-48-2025-1799000-usd-for-sale\/capture-decran-le-2026-02-04-a-11-18-24\/\" data-orig-file=\"https:\/\/i0.wp.com\/itayachtscanada.com\/wp-content\/uploads\/2026\/02\/Capture-decran-le-2026-02-04-a-11.18.24.jpg?fit=1480%2C978&amp;ssl=1\" data-orig-size=\"1480,978\" data-comments-opened=\"1\" data-image-meta=\"{&quot;aperture&quot;:&quot;0&quot;,&quot;credit&quot;:&quot;&quot;,&quot;camera&quot;:&quot;&quot;,&quot;caption&quot;:&quot;&quot;,&quot;created_timestamp&quot;:&quot;0&quot;,&quot;copyright&quot;:&quot;&quot;,&quot;focal_length&quot;:&quot;0&quot;,&quot;iso&quot;:&quot;0&quot;,&quot;shutter_speed&quot;:&quot;0&quot;,&quot;title&quot;:&quot;&quot;,&quot;orientation&quot;:&quot;0&quot;}\" data-image-title=\"Capture d\u2019e\u0301cran, le 2026-02-04 a\u0300 11.18.24\" data-image-description=\"\" data-image-caption=\"\" data-large-file=\"https:\/\/i0.wp.com\/itayachtscanada.com\/wp-content\/uploads\/2026\/02\/Capture-decran-le-2026-02-04-a-11.18.24.jpg?fit=700%2C463&amp;ssl=1\" \/><\/a>\n\t\t\t<\/div><\/figure><figure class='gallery-item'>\n\t\t\t<div class='gallery-icon landscape'>\n\t\t\t\t<a href='https:\/\/itayachtscanada.com\/fr\/listing\/absolute-navetta-48-2025-1799000-usd-for-sale\/capture-decran-le-2026-02-04-a-11-18-19\/'><img loading=\"lazy\" decoding=\"async\" width=\"300\" height=\"198\" src=\"https:\/\/i0.wp.com\/itayachtscanada.com\/wp-content\/uploads\/2026\/02\/Capture-decran-le-2026-02-04-a-11.18.19.jpg?fit=300%2C198&amp;ssl=1\" class=\"attachment-medium size-medium\" alt=\"\" srcset=\"https:\/\/i0.wp.com\/itayachtscanada.com\/wp-content\/uploads\/2026\/02\/Capture-decran-le-2026-02-04-a-11.18.19.jpg?w=1480&amp;ssl=1 1480w, https:\/\/i0.wp.com\/itayachtscanada.com\/wp-content\/uploads\/2026\/02\/Capture-decran-le-2026-02-04-a-11.18.19.jpg?resize=300%2C198&amp;ssl=1 300w, https:\/\/i0.wp.com\/itayachtscanada.com\/wp-content\/uploads\/2026\/02\/Capture-decran-le-2026-02-04-a-11.18.19.jpg?resize=1024%2C677&amp;ssl=1 1024w, https:\/\/i0.wp.com\/itayachtscanada.com\/wp-content\/uploads\/2026\/02\/Capture-decran-le-2026-02-04-a-11.18.19.jpg?resize=768%2C508&amp;ssl=1 768w, https:\/\/i0.wp.com\/itayachtscanada.com\/wp-content\/uploads\/2026\/02\/Capture-decran-le-2026-02-04-a-11.18.19.jpg?resize=700%2C463&amp;ssl=1 700w, https:\/\/i0.wp.com\/itayachtscanada.com\/wp-content\/uploads\/2026\/02\/Capture-decran-le-2026-02-04-a-11.18.19.jpg?resize=605%2C400&amp;ssl=1 605w, https:\/\/i0.wp.com\/itayachtscanada.com\/wp-content\/uploads\/2026\/02\/Capture-decran-le-2026-02-04-a-11.18.19.jpg?w=1400&amp;ssl=1 1400w\" sizes=\"auto, (max-width: 300px) 100vw, 300px\" data-attachment-id=\"299045\" data-permalink=\"https:\/\/itayachtscanada.com\/fr\/listing\/absolute-navetta-48-2025-1799000-usd-for-sale\/capture-decran-le-2026-02-04-a-11-18-19\/\" data-orig-file=\"https:\/\/i0.wp.com\/itayachtscanada.com\/wp-content\/uploads\/2026\/02\/Capture-decran-le-2026-02-04-a-11.18.19.jpg?fit=1480%2C978&amp;ssl=1\" data-orig-size=\"1480,978\" data-comments-opened=\"1\" data-image-meta=\"{&quot;aperture&quot;:&quot;0&quot;,&quot;credit&quot;:&quot;&quot;,&quot;camera&quot;:&quot;&quot;,&quot;caption&quot;:&quot;&quot;,&quot;created_timestamp&quot;:&quot;0&quot;,&quot;copyright&quot;:&quot;&quot;,&quot;focal_length&quot;:&quot;0&quot;,&quot;iso&quot;:&quot;0&quot;,&quot;shutter_speed&quot;:&quot;0&quot;,&quot;title&quot;:&quot;&quot;,&quot;orientation&quot;:&quot;0&quot;}\" data-image-title=\"Capture d\u2019e\u0301cran, le 2026-02-04 a\u0300 11.18.19\" data-image-description=\"\" data-image-caption=\"\" data-large-file=\"https:\/\/i0.wp.com\/itayachtscanada.com\/wp-content\/uploads\/2026\/02\/Capture-decran-le-2026-02-04-a-11.18.19.jpg?fit=700%2C463&amp;ssl=1\" \/><\/a>\n\t\t\t<\/div><\/figure><figure class='gallery-item'>\n\t\t\t<div class='gallery-icon landscape'>\n\t\t\t\t<a href='https:\/\/itayachtscanada.com\/fr\/listing\/absolute-navetta-48-2025-1799000-usd-for-sale\/capture-decran-le-2026-02-04-a-11-18-07\/'><img loading=\"lazy\" decoding=\"async\" width=\"300\" height=\"198\" src=\"https:\/\/i0.wp.com\/itayachtscanada.com\/wp-content\/uploads\/2026\/02\/Capture-decran-le-2026-02-04-a-11.18.07.jpg?fit=300%2C198&amp;ssl=1\" class=\"attachment-medium size-medium\" alt=\"\" srcset=\"https:\/\/i0.wp.com\/itayachtscanada.com\/wp-content\/uploads\/2026\/02\/Capture-decran-le-2026-02-04-a-11.18.07.jpg?w=1480&amp;ssl=1 1480w, https:\/\/i0.wp.com\/itayachtscanada.com\/wp-content\/uploads\/2026\/02\/Capture-decran-le-2026-02-04-a-11.18.07.jpg?resize=300%2C198&amp;ssl=1 300w, https:\/\/i0.wp.com\/itayachtscanada.com\/wp-content\/uploads\/2026\/02\/Capture-decran-le-2026-02-04-a-11.18.07.jpg?resize=1024%2C677&amp;ssl=1 1024w, https:\/\/i0.wp.com\/itayachtscanada.com\/wp-content\/uploads\/2026\/02\/Capture-decran-le-2026-02-04-a-11.18.07.jpg?resize=768%2C508&amp;ssl=1 768w, https:\/\/i0.wp.com\/itayachtscanada.com\/wp-content\/uploads\/2026\/02\/Capture-decran-le-2026-02-04-a-11.18.07.jpg?resize=700%2C463&amp;ssl=1 700w, https:\/\/i0.wp.com\/itayachtscanada.com\/wp-content\/uploads\/2026\/02\/Capture-decran-le-2026-02-04-a-11.18.07.jpg?resize=605%2C400&amp;ssl=1 605w, https:\/\/i0.wp.com\/itayachtscanada.com\/wp-content\/uploads\/2026\/02\/Capture-decran-le-2026-02-04-a-11.18.07.jpg?w=1400&amp;ssl=1 1400w\" sizes=\"auto, (max-width: 300px) 100vw, 300px\" data-attachment-id=\"299048\" data-permalink=\"https:\/\/itayachtscanada.com\/fr\/listing\/absolute-navetta-48-2025-1799000-usd-for-sale\/capture-decran-le-2026-02-04-a-11-18-07\/\" data-orig-file=\"https:\/\/i0.wp.com\/itayachtscanada.com\/wp-content\/uploads\/2026\/02\/Capture-decran-le-2026-02-04-a-11.18.07.jpg?fit=1480%2C978&amp;ssl=1\" data-orig-size=\"1480,978\" data-comments-opened=\"1\" data-image-meta=\"{&quot;aperture&quot;:&quot;0&quot;,&quot;credit&quot;:&quot;&quot;,&quot;camera&quot;:&quot;&quot;,&quot;caption&quot;:&quot;&quot;,&quot;created_timestamp&quot;:&quot;0&quot;,&quot;copyright&quot;:&quot;&quot;,&quot;focal_length&quot;:&quot;0&quot;,&quot;iso&quot;:&quot;0&quot;,&quot;shutter_speed&quot;:&quot;0&quot;,&quot;title&quot;:&quot;&quot;,&quot;orientation&quot;:&quot;0&quot;}\" data-image-title=\"Capture d\u2019e\u0301cran, le 2026-02-04 a\u0300 11.18.07\" data-image-description=\"\" data-image-caption=\"\" data-large-file=\"https:\/\/i0.wp.com\/itayachtscanada.com\/wp-content\/uploads\/2026\/02\/Capture-decran-le-2026-02-04-a-11.18.07.jpg?fit=700%2C463&amp;ssl=1\" \/><\/a>\n\t\t\t<\/div><\/figure><figure class='gallery-item'>\n\t\t\t<div class='gallery-icon landscape'>\n\t\t\t\t<a href='https:\/\/itayachtscanada.com\/fr\/listing\/absolute-navetta-48-2025-1799000-usd-for-sale\/capture-decran-le-2026-02-04-a-11-18-12\/'><img loading=\"lazy\" decoding=\"async\" width=\"300\" height=\"198\" src=\"https:\/\/i0.wp.com\/itayachtscanada.com\/wp-content\/uploads\/2026\/02\/Capture-decran-le-2026-02-04-a-11.18.12.jpg?fit=300%2C198&amp;ssl=1\" class=\"attachment-medium size-medium\" alt=\"\" srcset=\"https:\/\/i0.wp.com\/itayachtscanada.com\/wp-content\/uploads\/2026\/02\/Capture-decran-le-2026-02-04-a-11.18.12.jpg?w=1480&amp;ssl=1 1480w, https:\/\/i0.wp.com\/itayachtscanada.com\/wp-content\/uploads\/2026\/02\/Capture-decran-le-2026-02-04-a-11.18.12.jpg?resize=300%2C198&amp;ssl=1 300w, https:\/\/i0.wp.com\/itayachtscanada.com\/wp-content\/uploads\/2026\/02\/Capture-decran-le-2026-02-04-a-11.18.12.jpg?resize=1024%2C677&amp;ssl=1 1024w, https:\/\/i0.wp.com\/itayachtscanada.com\/wp-content\/uploads\/2026\/02\/Capture-decran-le-2026-02-04-a-11.18.12.jpg?resize=768%2C508&amp;ssl=1 768w, https:\/\/i0.wp.com\/itayachtscanada.com\/wp-content\/uploads\/2026\/02\/Capture-decran-le-2026-02-04-a-11.18.12.jpg?resize=700%2C463&amp;ssl=1 700w, https:\/\/i0.wp.com\/itayachtscanada.com\/wp-content\/uploads\/2026\/02\/Capture-decran-le-2026-02-04-a-11.18.12.jpg?resize=605%2C400&amp;ssl=1 605w, https:\/\/i0.wp.com\/itayachtscanada.com\/wp-content\/uploads\/2026\/02\/Capture-decran-le-2026-02-04-a-11.18.12.jpg?w=1400&amp;ssl=1 1400w\" sizes=\"auto, (max-width: 300px) 100vw, 300px\" data-attachment-id=\"299047\" data-permalink=\"https:\/\/itayachtscanada.com\/fr\/listing\/absolute-navetta-48-2025-1799000-usd-for-sale\/capture-decran-le-2026-02-04-a-11-18-12\/\" data-orig-file=\"https:\/\/i0.wp.com\/itayachtscanada.com\/wp-content\/uploads\/2026\/02\/Capture-decran-le-2026-02-04-a-11.18.12.jpg?fit=1480%2C978&amp;ssl=1\" data-orig-size=\"1480,978\" data-comments-opened=\"1\" data-image-meta=\"{&quot;aperture&quot;:&quot;0&quot;,&quot;credit&quot;:&quot;&quot;,&quot;camera&quot;:&quot;&quot;,&quot;caption&quot;:&quot;&quot;,&quot;created_timestamp&quot;:&quot;0&quot;,&quot;copyright&quot;:&quot;&quot;,&quot;focal_length&quot;:&quot;0&quot;,&quot;iso&quot;:&quot;0&quot;,&quot;shutter_speed&quot;:&quot;0&quot;,&quot;title&quot;:&quot;&quot;,&quot;orientation&quot;:&quot;0&quot;}\" data-image-title=\"Capture d\u2019e\u0301cran, le 2026-02-04 a\u0300 11.18.12\" data-image-description=\"\" data-image-caption=\"\" data-large-file=\"https:\/\/i0.wp.com\/itayachtscanada.com\/wp-content\/uploads\/2026\/02\/Capture-decran-le-2026-02-04-a-11.18.12.jpg?fit=700%2C463&amp;ssl=1\" \/><\/a>\n\t\t\t<\/div><\/figure><figure class='gallery-item'>\n\t\t\t<div class='gallery-icon landscape'>\n\t\t\t\t<a href='https:\/\/itayachtscanada.com\/fr\/listing\/absolute-navetta-48-2025-1799000-usd-for-sale\/capture-decran-le-2026-02-04-a-11-18-38\/'><img loading=\"lazy\" decoding=\"async\" width=\"300\" height=\"198\" src=\"https:\/\/i0.wp.com\/itayachtscanada.com\/wp-content\/uploads\/2026\/02\/Capture-decran-le-2026-02-04-a-11.18.38.jpg?fit=300%2C198&amp;ssl=1\" class=\"attachment-medium size-medium\" alt=\"\" srcset=\"https:\/\/i0.wp.com\/itayachtscanada.com\/wp-content\/uploads\/2026\/02\/Capture-decran-le-2026-02-04-a-11.18.38.jpg?w=1480&amp;ssl=1 1480w, https:\/\/i0.wp.com\/itayachtscanada.com\/wp-content\/uploads\/2026\/02\/Capture-decran-le-2026-02-04-a-11.18.38.jpg?resize=300%2C198&amp;ssl=1 300w, https:\/\/i0.wp.com\/itayachtscanada.com\/wp-content\/uploads\/2026\/02\/Capture-decran-le-2026-02-04-a-11.18.38.jpg?resize=1024%2C677&amp;ssl=1 1024w, https:\/\/i0.wp.com\/itayachtscanada.com\/wp-content\/uploads\/2026\/02\/Capture-decran-le-2026-02-04-a-11.18.38.jpg?resize=768%2C508&amp;ssl=1 768w, https:\/\/i0.wp.com\/itayachtscanada.com\/wp-content\/uploads\/2026\/02\/Capture-decran-le-2026-02-04-a-11.18.38.jpg?resize=700%2C463&amp;ssl=1 700w, https:\/\/i0.wp.com\/itayachtscanada.com\/wp-content\/uploads\/2026\/02\/Capture-decran-le-2026-02-04-a-11.18.38.jpg?resize=605%2C400&amp;ssl=1 605w, https:\/\/i0.wp.com\/itayachtscanada.com\/wp-content\/uploads\/2026\/02\/Capture-decran-le-2026-02-04-a-11.18.38.jpg?w=1400&amp;ssl=1 1400w\" sizes=\"auto, (max-width: 300px) 100vw, 300px\" data-attachment-id=\"299040\" data-permalink=\"https:\/\/itayachtscanada.com\/fr\/listing\/absolute-navetta-48-2025-1799000-usd-for-sale\/capture-decran-le-2026-02-04-a-11-18-38\/\" data-orig-file=\"https:\/\/i0.wp.com\/itayachtscanada.com\/wp-content\/uploads\/2026\/02\/Capture-decran-le-2026-02-04-a-11.18.38.jpg?fit=1480%2C978&amp;ssl=1\" data-orig-size=\"1480,978\" data-comments-opened=\"1\" data-image-meta=\"{&quot;aperture&quot;:&quot;0&quot;,&quot;credit&quot;:&quot;&quot;,&quot;camera&quot;:&quot;&quot;,&quot;caption&quot;:&quot;&quot;,&quot;created_timestamp&quot;:&quot;0&quot;,&quot;copyright&quot;:&quot;&quot;,&quot;focal_length&quot;:&quot;0&quot;,&quot;iso&quot;:&quot;0&quot;,&quot;shutter_speed&quot;:&quot;0&quot;,&quot;title&quot;:&quot;&quot;,&quot;orientation&quot;:&quot;0&quot;}\" data-image-title=\"Capture d\u2019e\u0301cran, le 2026-02-04 a\u0300 11.18.38\" data-image-description=\"\" data-image-caption=\"\" data-large-file=\"https:\/\/i0.wp.com\/itayachtscanada.com\/wp-content\/uploads\/2026\/02\/Capture-decran-le-2026-02-04-a-11.18.38.jpg?fit=700%2C463&amp;ssl=1\" \/><\/a>\n\t\t\t<\/div><\/figure><figure class='gallery-item'>\n\t\t\t<div class='gallery-icon landscape'>\n\t\t\t\t<a href='https:\/\/itayachtscanada.com\/fr\/listing\/absolute-navetta-48-2025-1799000-usd-for-sale\/capture-decran-le-2026-02-04-a-11-17-44\/'><img loading=\"lazy\" decoding=\"async\" width=\"300\" height=\"198\" src=\"https:\/\/i0.wp.com\/itayachtscanada.com\/wp-content\/uploads\/2026\/02\/Capture-decran-le-2026-02-04-a-11.17.44.jpg?fit=300%2C198&amp;ssl=1\" class=\"attachment-medium size-medium\" alt=\"\" srcset=\"https:\/\/i0.wp.com\/itayachtscanada.com\/wp-content\/uploads\/2026\/02\/Capture-decran-le-2026-02-04-a-11.17.44.jpg?w=1480&amp;ssl=1 1480w, https:\/\/i0.wp.com\/itayachtscanada.com\/wp-content\/uploads\/2026\/02\/Capture-decran-le-2026-02-04-a-11.17.44.jpg?resize=300%2C198&amp;ssl=1 300w, https:\/\/i0.wp.com\/itayachtscanada.com\/wp-content\/uploads\/2026\/02\/Capture-decran-le-2026-02-04-a-11.17.44.jpg?resize=1024%2C677&amp;ssl=1 1024w, https:\/\/i0.wp.com\/itayachtscanada.com\/wp-content\/uploads\/2026\/02\/Capture-decran-le-2026-02-04-a-11.17.44.jpg?resize=768%2C508&amp;ssl=1 768w, https:\/\/i0.wp.com\/itayachtscanada.com\/wp-content\/uploads\/2026\/02\/Capture-decran-le-2026-02-04-a-11.17.44.jpg?resize=700%2C463&amp;ssl=1 700w, https:\/\/i0.wp.com\/itayachtscanada.com\/wp-content\/uploads\/2026\/02\/Capture-decran-le-2026-02-04-a-11.17.44.jpg?resize=605%2C400&amp;ssl=1 605w, https:\/\/i0.wp.com\/itayachtscanada.com\/wp-content\/uploads\/2026\/02\/Capture-decran-le-2026-02-04-a-11.17.44.jpg?w=1400&amp;ssl=1 1400w\" sizes=\"auto, (max-width: 300px) 100vw, 300px\" data-attachment-id=\"299053\" data-permalink=\"https:\/\/itayachtscanada.com\/fr\/listing\/absolute-navetta-48-2025-1799000-usd-for-sale\/capture-decran-le-2026-02-04-a-11-17-44\/\" data-orig-file=\"https:\/\/i0.wp.com\/itayachtscanada.com\/wp-content\/uploads\/2026\/02\/Capture-decran-le-2026-02-04-a-11.17.44.jpg?fit=1480%2C978&amp;ssl=1\" data-orig-size=\"1480,978\" data-comments-opened=\"1\" data-image-meta=\"{&quot;aperture&quot;:&quot;0&quot;,&quot;credit&quot;:&quot;&quot;,&quot;camera&quot;:&quot;&quot;,&quot;caption&quot;:&quot;&quot;,&quot;created_timestamp&quot;:&quot;0&quot;,&quot;copyright&quot;:&quot;&quot;,&quot;focal_length&quot;:&quot;0&quot;,&quot;iso&quot;:&quot;0&quot;,&quot;shutter_speed&quot;:&quot;0&quot;,&quot;title&quot;:&quot;&quot;,&quot;orientation&quot;:&quot;0&quot;}\" data-image-title=\"Capture d\u2019e\u0301cran, le 2026-02-04 a\u0300 11.17.44\" data-image-description=\"\" data-image-caption=\"\" data-large-file=\"https:\/\/i0.wp.com\/itayachtscanada.com\/wp-content\/uploads\/2026\/02\/Capture-decran-le-2026-02-04-a-11.17.44.jpg?fit=700%2C463&amp;ssl=1\" \/><\/a>\n\t\t\t<\/div><\/figure><figure class='gallery-item'>\n\t\t\t<div class='gallery-icon landscape'>\n\t\t\t\t<a href='https:\/\/itayachtscanada.com\/fr\/listing\/absolute-navetta-48-2025-1799000-usd-for-sale\/capture-decran-le-2026-02-04-a-11-17-41\/'><img loading=\"lazy\" decoding=\"async\" width=\"300\" height=\"198\" src=\"https:\/\/i0.wp.com\/itayachtscanada.com\/wp-content\/uploads\/2026\/02\/Capture-decran-le-2026-02-04-a-11.17.41.jpg?fit=300%2C198&amp;ssl=1\" class=\"attachment-medium size-medium\" alt=\"\" srcset=\"https:\/\/i0.wp.com\/itayachtscanada.com\/wp-content\/uploads\/2026\/02\/Capture-decran-le-2026-02-04-a-11.17.41.jpg?w=1480&amp;ssl=1 1480w, https:\/\/i0.wp.com\/itayachtscanada.com\/wp-content\/uploads\/2026\/02\/Capture-decran-le-2026-02-04-a-11.17.41.jpg?resize=300%2C198&amp;ssl=1 300w, https:\/\/i0.wp.com\/itayachtscanada.com\/wp-content\/uploads\/2026\/02\/Capture-decran-le-2026-02-04-a-11.17.41.jpg?resize=1024%2C677&amp;ssl=1 1024w, https:\/\/i0.wp.com\/itayachtscanada.com\/wp-content\/uploads\/2026\/02\/Capture-decran-le-2026-02-04-a-11.17.41.jpg?resize=768%2C508&amp;ssl=1 768w, https:\/\/i0.wp.com\/itayachtscanada.com\/wp-content\/uploads\/2026\/02\/Capture-decran-le-2026-02-04-a-11.17.41.jpg?resize=700%2C463&amp;ssl=1 700w, https:\/\/i0.wp.com\/itayachtscanada.com\/wp-content\/uploads\/2026\/02\/Capture-decran-le-2026-02-04-a-11.17.41.jpg?resize=605%2C400&amp;ssl=1 605w, https:\/\/i0.wp.com\/itayachtscanada.com\/wp-content\/uploads\/2026\/02\/Capture-decran-le-2026-02-04-a-11.17.41.jpg?w=1400&amp;ssl=1 1400w\" sizes=\"auto, (max-width: 300px) 100vw, 300px\" data-attachment-id=\"299054\" data-permalink=\"https:\/\/itayachtscanada.com\/fr\/listing\/absolute-navetta-48-2025-1799000-usd-for-sale\/capture-decran-le-2026-02-04-a-11-17-41\/\" data-orig-file=\"https:\/\/i0.wp.com\/itayachtscanada.com\/wp-content\/uploads\/2026\/02\/Capture-decran-le-2026-02-04-a-11.17.41.jpg?fit=1480%2C978&amp;ssl=1\" data-orig-size=\"1480,978\" data-comments-opened=\"1\" data-image-meta=\"{&quot;aperture&quot;:&quot;0&quot;,&quot;credit&quot;:&quot;&quot;,&quot;camera&quot;:&quot;&quot;,&quot;caption&quot;:&quot;&quot;,&quot;created_timestamp&quot;:&quot;0&quot;,&quot;copyright&quot;:&quot;&quot;,&quot;focal_length&quot;:&quot;0&quot;,&quot;iso&quot;:&quot;0&quot;,&quot;shutter_speed&quot;:&quot;0&quot;,&quot;title&quot;:&quot;&quot;,&quot;orientation&quot;:&quot;0&quot;}\" data-image-title=\"Capture d\u2019e\u0301cran, le 2026-02-04 a\u0300 11.17.41\" data-image-description=\"\" data-image-caption=\"\" data-large-file=\"https:\/\/i0.wp.com\/itayachtscanada.com\/wp-content\/uploads\/2026\/02\/Capture-decran-le-2026-02-04-a-11.17.41.jpg?fit=700%2C463&amp;ssl=1\" \/><\/a>\n\t\t\t<\/div><\/figure><figure class='gallery-item'>\n\t\t\t<div class='gallery-icon landscape'>\n\t\t\t\t<a href='https:\/\/itayachtscanada.com\/fr\/listing\/absolute-navetta-48-2025-1799000-usd-for-sale\/capture-decran-le-2026-02-04-a-11-18-46\/'><img loading=\"lazy\" decoding=\"async\" width=\"300\" height=\"198\" src=\"https:\/\/i0.wp.com\/itayachtscanada.com\/wp-content\/uploads\/2026\/02\/Capture-decran-le-2026-02-04-a-11.18.46.jpg?fit=300%2C198&amp;ssl=1\" class=\"attachment-medium size-medium\" alt=\"\" srcset=\"https:\/\/i0.wp.com\/itayachtscanada.com\/wp-content\/uploads\/2026\/02\/Capture-decran-le-2026-02-04-a-11.18.46.jpg?w=1480&amp;ssl=1 1480w, https:\/\/i0.wp.com\/itayachtscanada.com\/wp-content\/uploads\/2026\/02\/Capture-decran-le-2026-02-04-a-11.18.46.jpg?resize=300%2C198&amp;ssl=1 300w, https:\/\/i0.wp.com\/itayachtscanada.com\/wp-content\/uploads\/2026\/02\/Capture-decran-le-2026-02-04-a-11.18.46.jpg?resize=1024%2C677&amp;ssl=1 1024w, https:\/\/i0.wp.com\/itayachtscanada.com\/wp-content\/uploads\/2026\/02\/Capture-decran-le-2026-02-04-a-11.18.46.jpg?resize=768%2C508&amp;ssl=1 768w, https:\/\/i0.wp.com\/itayachtscanada.com\/wp-content\/uploads\/2026\/02\/Capture-decran-le-2026-02-04-a-11.18.46.jpg?resize=700%2C463&amp;ssl=1 700w, https:\/\/i0.wp.com\/itayachtscanada.com\/wp-content\/uploads\/2026\/02\/Capture-decran-le-2026-02-04-a-11.18.46.jpg?resize=605%2C400&amp;ssl=1 605w, https:\/\/i0.wp.com\/itayachtscanada.com\/wp-content\/uploads\/2026\/02\/Capture-decran-le-2026-02-04-a-11.18.46.jpg?w=1400&amp;ssl=1 1400w\" sizes=\"auto, (max-width: 300px) 100vw, 300px\" data-attachment-id=\"299038\" data-permalink=\"https:\/\/itayachtscanada.com\/fr\/listing\/absolute-navetta-48-2025-1799000-usd-for-sale\/capture-decran-le-2026-02-04-a-11-18-46\/\" data-orig-file=\"https:\/\/i0.wp.com\/itayachtscanada.com\/wp-content\/uploads\/2026\/02\/Capture-decran-le-2026-02-04-a-11.18.46.jpg?fit=1480%2C978&amp;ssl=1\" data-orig-size=\"1480,978\" data-comments-opened=\"1\" data-image-meta=\"{&quot;aperture&quot;:&quot;0&quot;,&quot;credit&quot;:&quot;&quot;,&quot;camera&quot;:&quot;&quot;,&quot;caption&quot;:&quot;&quot;,&quot;created_timestamp&quot;:&quot;0&quot;,&quot;copyright&quot;:&quot;&quot;,&quot;focal_length&quot;:&quot;0&quot;,&quot;iso&quot;:&quot;0&quot;,&quot;shutter_speed&quot;:&quot;0&quot;,&quot;title&quot;:&quot;&quot;,&quot;orientation&quot;:&quot;0&quot;}\" data-image-title=\"Capture d\u2019e\u0301cran, le 2026-02-04 a\u0300 11.18.46\" data-image-description=\"\" data-image-caption=\"\" data-large-file=\"https:\/\/i0.wp.com\/itayachtscanada.com\/wp-content\/uploads\/2026\/02\/Capture-decran-le-2026-02-04-a-11.18.46.jpg?fit=700%2C463&amp;ssl=1\" \/><\/a>\n\t\t\t<\/div><\/figure><figure class='gallery-item'>\n\t\t\t<div class='gallery-icon landscape'>\n\t\t\t\t<a href='https:\/\/itayachtscanada.com\/fr\/listing\/absolute-navetta-48-2025-1799000-usd-for-sale\/capture-decran-le-2026-02-04-a-11-17-48\/'><img loading=\"lazy\" decoding=\"async\" width=\"300\" height=\"198\" src=\"https:\/\/i0.wp.com\/itayachtscanada.com\/wp-content\/uploads\/2026\/02\/Capture-decran-le-2026-02-04-a-11.17.48.jpg?fit=300%2C198&amp;ssl=1\" class=\"attachment-medium size-medium\" alt=\"\" srcset=\"https:\/\/i0.wp.com\/itayachtscanada.com\/wp-content\/uploads\/2026\/02\/Capture-decran-le-2026-02-04-a-11.17.48.jpg?w=1480&amp;ssl=1 1480w, https:\/\/i0.wp.com\/itayachtscanada.com\/wp-content\/uploads\/2026\/02\/Capture-decran-le-2026-02-04-a-11.17.48.jpg?resize=300%2C198&amp;ssl=1 300w, https:\/\/i0.wp.com\/itayachtscanada.com\/wp-content\/uploads\/2026\/02\/Capture-decran-le-2026-02-04-a-11.17.48.jpg?resize=1024%2C677&amp;ssl=1 1024w, https:\/\/i0.wp.com\/itayachtscanada.com\/wp-content\/uploads\/2026\/02\/Capture-decran-le-2026-02-04-a-11.17.48.jpg?resize=768%2C508&amp;ssl=1 768w, https:\/\/i0.wp.com\/itayachtscanada.com\/wp-content\/uploads\/2026\/02\/Capture-decran-le-2026-02-04-a-11.17.48.jpg?resize=700%2C463&amp;ssl=1 700w, https:\/\/i0.wp.com\/itayachtscanada.com\/wp-content\/uploads\/2026\/02\/Capture-decran-le-2026-02-04-a-11.17.48.jpg?resize=605%2C400&amp;ssl=1 605w, https:\/\/i0.wp.com\/itayachtscanada.com\/wp-content\/uploads\/2026\/02\/Capture-decran-le-2026-02-04-a-11.17.48.jpg?w=1400&amp;ssl=1 1400w\" sizes=\"auto, (max-width: 300px) 100vw, 300px\" data-attachment-id=\"299052\" data-permalink=\"https:\/\/itayachtscanada.com\/fr\/listing\/absolute-navetta-48-2025-1799000-usd-for-sale\/capture-decran-le-2026-02-04-a-11-17-48\/\" data-orig-file=\"https:\/\/i0.wp.com\/itayachtscanada.com\/wp-content\/uploads\/2026\/02\/Capture-decran-le-2026-02-04-a-11.17.48.jpg?fit=1480%2C978&amp;ssl=1\" data-orig-size=\"1480,978\" data-comments-opened=\"1\" data-image-meta=\"{&quot;aperture&quot;:&quot;0&quot;,&quot;credit&quot;:&quot;&quot;,&quot;camera&quot;:&quot;&quot;,&quot;caption&quot;:&quot;&quot;,&quot;created_timestamp&quot;:&quot;0&quot;,&quot;copyright&quot;:&quot;&quot;,&quot;focal_length&quot;:&quot;0&quot;,&quot;iso&quot;:&quot;0&quot;,&quot;shutter_speed&quot;:&quot;0&quot;,&quot;title&quot;:&quot;&quot;,&quot;orientation&quot;:&quot;0&quot;}\" data-image-title=\"Capture d\u2019e\u0301cran, le 2026-02-04 a\u0300 11.17.48\" data-image-description=\"\" data-image-caption=\"\" data-large-file=\"https:\/\/i0.wp.com\/itayachtscanada.com\/wp-content\/uploads\/2026\/02\/Capture-decran-le-2026-02-04-a-11.17.48.jpg?fit=700%2C463&amp;ssl=1\" \/><\/a>\n\t\t\t<\/div><\/figure><figure class='gallery-item'>\n\t\t\t<div class='gallery-icon landscape'>\n\t\t\t\t<a href='https:\/\/itayachtscanada.com\/fr\/listing\/absolute-navetta-48-2025-1799000-usd-for-sale\/capture-decran-le-2026-02-04-a-11-17-07\/'><img loading=\"lazy\" decoding=\"async\" width=\"300\" height=\"198\" src=\"https:\/\/i0.wp.com\/itayachtscanada.com\/wp-content\/uploads\/2026\/02\/Capture-decran-le-2026-02-04-a-11.17.07.jpg?fit=300%2C198&amp;ssl=1\" class=\"attachment-medium size-medium\" alt=\"\" srcset=\"https:\/\/i0.wp.com\/itayachtscanada.com\/wp-content\/uploads\/2026\/02\/Capture-decran-le-2026-02-04-a-11.17.07.jpg?w=1480&amp;ssl=1 1480w, https:\/\/i0.wp.com\/itayachtscanada.com\/wp-content\/uploads\/2026\/02\/Capture-decran-le-2026-02-04-a-11.17.07.jpg?resize=300%2C198&amp;ssl=1 300w, https:\/\/i0.wp.com\/itayachtscanada.com\/wp-content\/uploads\/2026\/02\/Capture-decran-le-2026-02-04-a-11.17.07.jpg?resize=1024%2C677&amp;ssl=1 1024w, https:\/\/i0.wp.com\/itayachtscanada.com\/wp-content\/uploads\/2026\/02\/Capture-decran-le-2026-02-04-a-11.17.07.jpg?resize=768%2C508&amp;ssl=1 768w, https:\/\/i0.wp.com\/itayachtscanada.com\/wp-content\/uploads\/2026\/02\/Capture-decran-le-2026-02-04-a-11.17.07.jpg?resize=700%2C463&amp;ssl=1 700w, https:\/\/i0.wp.com\/itayachtscanada.com\/wp-content\/uploads\/2026\/02\/Capture-decran-le-2026-02-04-a-11.17.07.jpg?resize=605%2C400&amp;ssl=1 605w, https:\/\/i0.wp.com\/itayachtscanada.com\/wp-content\/uploads\/2026\/02\/Capture-decran-le-2026-02-04-a-11.17.07.jpg?w=1400&amp;ssl=1 1400w\" sizes=\"auto, (max-width: 300px) 100vw, 300px\" data-attachment-id=\"299056\" data-permalink=\"https:\/\/itayachtscanada.com\/fr\/listing\/absolute-navetta-48-2025-1799000-usd-for-sale\/capture-decran-le-2026-02-04-a-11-17-07\/\" data-orig-file=\"https:\/\/i0.wp.com\/itayachtscanada.com\/wp-content\/uploads\/2026\/02\/Capture-decran-le-2026-02-04-a-11.17.07.jpg?fit=1480%2C978&amp;ssl=1\" data-orig-size=\"1480,978\" data-comments-opened=\"1\" data-image-meta=\"{&quot;aperture&quot;:&quot;0&quot;,&quot;credit&quot;:&quot;&quot;,&quot;camera&quot;:&quot;&quot;,&quot;caption&quot;:&quot;&quot;,&quot;created_timestamp&quot;:&quot;0&quot;,&quot;copyright&quot;:&quot;&quot;,&quot;focal_length&quot;:&quot;0&quot;,&quot;iso&quot;:&quot;0&quot;,&quot;shutter_speed&quot;:&quot;0&quot;,&quot;title&quot;:&quot;&quot;,&quot;orientation&quot;:&quot;0&quot;}\" data-image-title=\"Capture d\u2019e\u0301cran, le 2026-02-04 a\u0300 11.17.07\" data-image-description=\"\" data-image-caption=\"\" data-large-file=\"https:\/\/i0.wp.com\/itayachtscanada.com\/wp-content\/uploads\/2026\/02\/Capture-decran-le-2026-02-04-a-11.17.07.jpg?fit=700%2C463&amp;ssl=1\" \/><\/a>\n\t\t\t<\/div><\/figure><figure class='gallery-item'>\n\t\t\t<div class='gallery-icon landscape'>\n\t\t\t\t<a href='https:\/\/itayachtscanada.com\/fr\/listing\/absolute-navetta-48-2025-1799000-usd-for-sale\/capture-decran-le-2026-02-04-a-11-16-58\/'><img loading=\"lazy\" decoding=\"async\" width=\"300\" height=\"198\" src=\"https:\/\/i0.wp.com\/itayachtscanada.com\/wp-content\/uploads\/2026\/02\/Capture-decran-le-2026-02-04-a-11.16.58.jpg?fit=300%2C198&amp;ssl=1\" class=\"attachment-medium size-medium\" alt=\"\" srcset=\"https:\/\/i0.wp.com\/itayachtscanada.com\/wp-content\/uploads\/2026\/02\/Capture-decran-le-2026-02-04-a-11.16.58.jpg?w=1480&amp;ssl=1 1480w, https:\/\/i0.wp.com\/itayachtscanada.com\/wp-content\/uploads\/2026\/02\/Capture-decran-le-2026-02-04-a-11.16.58.jpg?resize=300%2C198&amp;ssl=1 300w, https:\/\/i0.wp.com\/itayachtscanada.com\/wp-content\/uploads\/2026\/02\/Capture-decran-le-2026-02-04-a-11.16.58.jpg?resize=1024%2C677&amp;ssl=1 1024w, https:\/\/i0.wp.com\/itayachtscanada.com\/wp-content\/uploads\/2026\/02\/Capture-decran-le-2026-02-04-a-11.16.58.jpg?resize=768%2C508&amp;ssl=1 768w, https:\/\/i0.wp.com\/itayachtscanada.com\/wp-content\/uploads\/2026\/02\/Capture-decran-le-2026-02-04-a-11.16.58.jpg?resize=700%2C463&amp;ssl=1 700w, https:\/\/i0.wp.com\/itayachtscanada.com\/wp-content\/uploads\/2026\/02\/Capture-decran-le-2026-02-04-a-11.16.58.jpg?resize=605%2C400&amp;ssl=1 605w, https:\/\/i0.wp.com\/itayachtscanada.com\/wp-content\/uploads\/2026\/02\/Capture-decran-le-2026-02-04-a-11.16.58.jpg?w=1400&amp;ssl=1 1400w\" sizes=\"auto, (max-width: 300px) 100vw, 300px\" data-attachment-id=\"299057\" data-permalink=\"https:\/\/itayachtscanada.com\/fr\/listing\/absolute-navetta-48-2025-1799000-usd-for-sale\/capture-decran-le-2026-02-04-a-11-16-58\/\" data-orig-file=\"https:\/\/i0.wp.com\/itayachtscanada.com\/wp-content\/uploads\/2026\/02\/Capture-decran-le-2026-02-04-a-11.16.58.jpg?fit=1480%2C978&amp;ssl=1\" data-orig-size=\"1480,978\" data-comments-opened=\"1\" data-image-meta=\"{&quot;aperture&quot;:&quot;0&quot;,&quot;credit&quot;:&quot;&quot;,&quot;camera&quot;:&quot;&quot;,&quot;caption&quot;:&quot;&quot;,&quot;created_timestamp&quot;:&quot;0&quot;,&quot;copyright&quot;:&quot;&quot;,&quot;focal_length&quot;:&quot;0&quot;,&quot;iso&quot;:&quot;0&quot;,&quot;shutter_speed&quot;:&quot;0&quot;,&quot;title&quot;:&quot;&quot;,&quot;orientation&quot;:&quot;0&quot;}\" data-image-title=\"Capture d\u2019e\u0301cran, le 2026-02-04 a\u0300 11.16.58\" data-image-description=\"\" data-image-caption=\"\" data-large-file=\"https:\/\/i0.wp.com\/itayachtscanada.com\/wp-content\/uploads\/2026\/02\/Capture-decran-le-2026-02-04-a-11.16.58.jpg?fit=700%2C463&amp;ssl=1\" \/><\/a>\n\t\t\t<\/div><\/figure><figure class='gallery-item'>\n\t\t\t<div class='gallery-icon landscape'>\n\t\t\t\t<a href='https:\/\/itayachtscanada.com\/fr\/listing\/absolute-navetta-48-2025-1799000-usd-for-sale\/capture-decran-le-2026-02-04-a-11-16-13\/'><img loading=\"lazy\" decoding=\"async\" width=\"300\" height=\"198\" src=\"https:\/\/i0.wp.com\/itayachtscanada.com\/wp-content\/uploads\/2026\/02\/Capture-decran-le-2026-02-04-a-11.16.13.jpg?fit=300%2C198&amp;ssl=1\" class=\"attachment-medium size-medium\" alt=\"\" srcset=\"https:\/\/i0.wp.com\/itayachtscanada.com\/wp-content\/uploads\/2026\/02\/Capture-decran-le-2026-02-04-a-11.16.13.jpg?w=1480&amp;ssl=1 1480w, https:\/\/i0.wp.com\/itayachtscanada.com\/wp-content\/uploads\/2026\/02\/Capture-decran-le-2026-02-04-a-11.16.13.jpg?resize=300%2C198&amp;ssl=1 300w, https:\/\/i0.wp.com\/itayachtscanada.com\/wp-content\/uploads\/2026\/02\/Capture-decran-le-2026-02-04-a-11.16.13.jpg?resize=1024%2C677&amp;ssl=1 1024w, https:\/\/i0.wp.com\/itayachtscanada.com\/wp-content\/uploads\/2026\/02\/Capture-decran-le-2026-02-04-a-11.16.13.jpg?resize=768%2C508&amp;ssl=1 768w, https:\/\/i0.wp.com\/itayachtscanada.com\/wp-content\/uploads\/2026\/02\/Capture-decran-le-2026-02-04-a-11.16.13.jpg?resize=700%2C463&amp;ssl=1 700w, https:\/\/i0.wp.com\/itayachtscanada.com\/wp-content\/uploads\/2026\/02\/Capture-decran-le-2026-02-04-a-11.16.13.jpg?resize=605%2C400&amp;ssl=1 605w, https:\/\/i0.wp.com\/itayachtscanada.com\/wp-content\/uploads\/2026\/02\/Capture-decran-le-2026-02-04-a-11.16.13.jpg?w=1400&amp;ssl=1 1400w\" sizes=\"auto, (max-width: 300px) 100vw, 300px\" data-attachment-id=\"299062\" data-permalink=\"https:\/\/itayachtscanada.com\/fr\/listing\/absolute-navetta-48-2025-1799000-usd-for-sale\/capture-decran-le-2026-02-04-a-11-16-13\/\" data-orig-file=\"https:\/\/i0.wp.com\/itayachtscanada.com\/wp-content\/uploads\/2026\/02\/Capture-decran-le-2026-02-04-a-11.16.13.jpg?fit=1480%2C978&amp;ssl=1\" data-orig-size=\"1480,978\" data-comments-opened=\"1\" data-image-meta=\"{&quot;aperture&quot;:&quot;0&quot;,&quot;credit&quot;:&quot;&quot;,&quot;camera&quot;:&quot;&quot;,&quot;caption&quot;:&quot;&quot;,&quot;created_timestamp&quot;:&quot;0&quot;,&quot;copyright&quot;:&quot;&quot;,&quot;focal_length&quot;:&quot;0&quot;,&quot;iso&quot;:&quot;0&quot;,&quot;shutter_speed&quot;:&quot;0&quot;,&quot;title&quot;:&quot;&quot;,&quot;orientation&quot;:&quot;0&quot;}\" data-image-title=\"Capture d\u2019e\u0301cran, le 2026-02-04 a\u0300 11.16.13\" data-image-description=\"\" data-image-caption=\"\" data-large-file=\"https:\/\/i0.wp.com\/itayachtscanada.com\/wp-content\/uploads\/2026\/02\/Capture-decran-le-2026-02-04-a-11.16.13.jpg?fit=700%2C463&amp;ssl=1\" \/><\/a>\n\t\t\t<\/div><\/figure><figure class='gallery-item'>\n\t\t\t<div class='gallery-icon landscape'>\n\t\t\t\t<a href='https:\/\/itayachtscanada.com\/fr\/listing\/absolute-navetta-48-2025-1799000-usd-for-sale\/capture-decran-le-2026-02-04-a-11-16-09\/'><img loading=\"lazy\" decoding=\"async\" width=\"300\" height=\"198\" src=\"https:\/\/i0.wp.com\/itayachtscanada.com\/wp-content\/uploads\/2026\/02\/Capture-decran-le-2026-02-04-a-11.16.09.jpg?fit=300%2C198&amp;ssl=1\" class=\"attachment-medium size-medium\" alt=\"\" srcset=\"https:\/\/i0.wp.com\/itayachtscanada.com\/wp-content\/uploads\/2026\/02\/Capture-decran-le-2026-02-04-a-11.16.09.jpg?w=1480&amp;ssl=1 1480w, https:\/\/i0.wp.com\/itayachtscanada.com\/wp-content\/uploads\/2026\/02\/Capture-decran-le-2026-02-04-a-11.16.09.jpg?resize=300%2C198&amp;ssl=1 300w, https:\/\/i0.wp.com\/itayachtscanada.com\/wp-content\/uploads\/2026\/02\/Capture-decran-le-2026-02-04-a-11.16.09.jpg?resize=1024%2C677&amp;ssl=1 1024w, https:\/\/i0.wp.com\/itayachtscanada.com\/wp-content\/uploads\/2026\/02\/Capture-decran-le-2026-02-04-a-11.16.09.jpg?resize=768%2C508&amp;ssl=1 768w, https:\/\/i0.wp.com\/itayachtscanada.com\/wp-content\/uploads\/2026\/02\/Capture-decran-le-2026-02-04-a-11.16.09.jpg?resize=700%2C463&amp;ssl=1 700w, https:\/\/i0.wp.com\/itayachtscanada.com\/wp-content\/uploads\/2026\/02\/Capture-decran-le-2026-02-04-a-11.16.09.jpg?resize=605%2C400&amp;ssl=1 605w, https:\/\/i0.wp.com\/itayachtscanada.com\/wp-content\/uploads\/2026\/02\/Capture-decran-le-2026-02-04-a-11.16.09.jpg?w=1400&amp;ssl=1 1400w\" sizes=\"auto, (max-width: 300px) 100vw, 300px\" data-attachment-id=\"299063\" data-permalink=\"https:\/\/itayachtscanada.com\/fr\/listing\/absolute-navetta-48-2025-1799000-usd-for-sale\/capture-decran-le-2026-02-04-a-11-16-09\/\" data-orig-file=\"https:\/\/i0.wp.com\/itayachtscanada.com\/wp-content\/uploads\/2026\/02\/Capture-decran-le-2026-02-04-a-11.16.09.jpg?fit=1480%2C978&amp;ssl=1\" data-orig-size=\"1480,978\" data-comments-opened=\"1\" data-image-meta=\"{&quot;aperture&quot;:&quot;0&quot;,&quot;credit&quot;:&quot;&quot;,&quot;camera&quot;:&quot;&quot;,&quot;caption&quot;:&quot;&quot;,&quot;created_timestamp&quot;:&quot;0&quot;,&quot;copyright&quot;:&quot;&quot;,&quot;focal_length&quot;:&quot;0&quot;,&quot;iso&quot;:&quot;0&quot;,&quot;shutter_speed&quot;:&quot;0&quot;,&quot;title&quot;:&quot;&quot;,&quot;orientation&quot;:&quot;0&quot;}\" data-image-title=\"Capture d\u2019e\u0301cran, le 2026-02-04 a\u0300 11.16.09\" data-image-description=\"\" data-image-caption=\"\" data-large-file=\"https:\/\/i0.wp.com\/itayachtscanada.com\/wp-content\/uploads\/2026\/02\/Capture-decran-le-2026-02-04-a-11.16.09.jpg?fit=700%2C463&amp;ssl=1\" \/><\/a>\n\t\t\t<\/div><\/figure><figure class='gallery-item'>\n\t\t\t<div class='gallery-icon landscape'>\n\t\t\t\t<a href='https:\/\/itayachtscanada.com\/fr\/listing\/absolute-navetta-48-2025-1799000-usd-for-sale\/capture-decran-le-2026-02-04-a-11-16-16\/'><img loading=\"lazy\" decoding=\"async\" width=\"300\" height=\"198\" src=\"https:\/\/i0.wp.com\/itayachtscanada.com\/wp-content\/uploads\/2026\/02\/Capture-decran-le-2026-02-04-a-11.16.16.jpg?fit=300%2C198&amp;ssl=1\" class=\"attachment-medium size-medium\" alt=\"\" srcset=\"https:\/\/i0.wp.com\/itayachtscanada.com\/wp-content\/uploads\/2026\/02\/Capture-decran-le-2026-02-04-a-11.16.16.jpg?w=1480&amp;ssl=1 1480w, https:\/\/i0.wp.com\/itayachtscanada.com\/wp-content\/uploads\/2026\/02\/Capture-decran-le-2026-02-04-a-11.16.16.jpg?resize=300%2C198&amp;ssl=1 300w, https:\/\/i0.wp.com\/itayachtscanada.com\/wp-content\/uploads\/2026\/02\/Capture-decran-le-2026-02-04-a-11.16.16.jpg?resize=1024%2C677&amp;ssl=1 1024w, https:\/\/i0.wp.com\/itayachtscanada.com\/wp-content\/uploads\/2026\/02\/Capture-decran-le-2026-02-04-a-11.16.16.jpg?resize=768%2C508&amp;ssl=1 768w, https:\/\/i0.wp.com\/itayachtscanada.com\/wp-content\/uploads\/2026\/02\/Capture-decran-le-2026-02-04-a-11.16.16.jpg?resize=700%2C463&amp;ssl=1 700w, https:\/\/i0.wp.com\/itayachtscanada.com\/wp-content\/uploads\/2026\/02\/Capture-decran-le-2026-02-04-a-11.16.16.jpg?resize=605%2C400&amp;ssl=1 605w, https:\/\/i0.wp.com\/itayachtscanada.com\/wp-content\/uploads\/2026\/02\/Capture-decran-le-2026-02-04-a-11.16.16.jpg?w=1400&amp;ssl=1 1400w\" sizes=\"auto, (max-width: 300px) 100vw, 300px\" data-attachment-id=\"299061\" data-permalink=\"https:\/\/itayachtscanada.com\/fr\/listing\/absolute-navetta-48-2025-1799000-usd-for-sale\/capture-decran-le-2026-02-04-a-11-16-16\/\" data-orig-file=\"https:\/\/i0.wp.com\/itayachtscanada.com\/wp-content\/uploads\/2026\/02\/Capture-decran-le-2026-02-04-a-11.16.16.jpg?fit=1480%2C978&amp;ssl=1\" data-orig-size=\"1480,978\" data-comments-opened=\"1\" data-image-meta=\"{&quot;aperture&quot;:&quot;0&quot;,&quot;credit&quot;:&quot;&quot;,&quot;camera&quot;:&quot;&quot;,&quot;caption&quot;:&quot;&quot;,&quot;created_timestamp&quot;:&quot;0&quot;,&quot;copyright&quot;:&quot;&quot;,&quot;focal_length&quot;:&quot;0&quot;,&quot;iso&quot;:&quot;0&quot;,&quot;shutter_speed&quot;:&quot;0&quot;,&quot;title&quot;:&quot;&quot;,&quot;orientation&quot;:&quot;0&quot;}\" data-image-title=\"Capture d\u2019e\u0301cran, le 2026-02-04 a\u0300 11.16.16\" data-image-description=\"\" data-image-caption=\"\" data-large-file=\"https:\/\/i0.wp.com\/itayachtscanada.com\/wp-content\/uploads\/2026\/02\/Capture-decran-le-2026-02-04-a-11.16.16.jpg?fit=700%2C463&amp;ssl=1\" \/><\/a>\n\t\t\t<\/div><\/figure><figure class='gallery-item'>\n\t\t\t<div class='gallery-icon landscape'>\n\t\t\t\t<a href='https:\/\/itayachtscanada.com\/fr\/listing\/absolute-navetta-48-2025-1799000-usd-for-sale\/capture-decran-le-2026-02-04-a-11-16-36\/'><img loading=\"lazy\" decoding=\"async\" width=\"300\" height=\"198\" src=\"https:\/\/i0.wp.com\/itayachtscanada.com\/wp-content\/uploads\/2026\/02\/Capture-decran-le-2026-02-04-a-11.16.36.jpg?fit=300%2C198&amp;ssl=1\" class=\"attachment-medium size-medium\" alt=\"\" srcset=\"https:\/\/i0.wp.com\/itayachtscanada.com\/wp-content\/uploads\/2026\/02\/Capture-decran-le-2026-02-04-a-11.16.36.jpg?w=1480&amp;ssl=1 1480w, https:\/\/i0.wp.com\/itayachtscanada.com\/wp-content\/uploads\/2026\/02\/Capture-decran-le-2026-02-04-a-11.16.36.jpg?resize=300%2C198&amp;ssl=1 300w, https:\/\/i0.wp.com\/itayachtscanada.com\/wp-content\/uploads\/2026\/02\/Capture-decran-le-2026-02-04-a-11.16.36.jpg?resize=1024%2C677&amp;ssl=1 1024w, https:\/\/i0.wp.com\/itayachtscanada.com\/wp-content\/uploads\/2026\/02\/Capture-decran-le-2026-02-04-a-11.16.36.jpg?resize=768%2C508&amp;ssl=1 768w, https:\/\/i0.wp.com\/itayachtscanada.com\/wp-content\/uploads\/2026\/02\/Capture-decran-le-2026-02-04-a-11.16.36.jpg?resize=700%2C463&amp;ssl=1 700w, https:\/\/i0.wp.com\/itayachtscanada.com\/wp-content\/uploads\/2026\/02\/Capture-decran-le-2026-02-04-a-11.16.36.jpg?resize=605%2C400&amp;ssl=1 605w, https:\/\/i0.wp.com\/itayachtscanada.com\/wp-content\/uploads\/2026\/02\/Capture-decran-le-2026-02-04-a-11.16.36.jpg?w=1400&amp;ssl=1 1400w\" sizes=\"auto, (max-width: 300px) 100vw, 300px\" data-attachment-id=\"299058\" data-permalink=\"https:\/\/itayachtscanada.com\/fr\/listing\/absolute-navetta-48-2025-1799000-usd-for-sale\/capture-decran-le-2026-02-04-a-11-16-36\/\" data-orig-file=\"https:\/\/i0.wp.com\/itayachtscanada.com\/wp-content\/uploads\/2026\/02\/Capture-decran-le-2026-02-04-a-11.16.36.jpg?fit=1480%2C978&amp;ssl=1\" data-orig-size=\"1480,978\" data-comments-opened=\"1\" data-image-meta=\"{&quot;aperture&quot;:&quot;0&quot;,&quot;credit&quot;:&quot;&quot;,&quot;camera&quot;:&quot;&quot;,&quot;caption&quot;:&quot;&quot;,&quot;created_timestamp&quot;:&quot;0&quot;,&quot;copyright&quot;:&quot;&quot;,&quot;focal_length&quot;:&quot;0&quot;,&quot;iso&quot;:&quot;0&quot;,&quot;shutter_speed&quot;:&quot;0&quot;,&quot;title&quot;:&quot;&quot;,&quot;orientation&quot;:&quot;0&quot;}\" data-image-title=\"Capture d\u2019e\u0301cran, le 2026-02-04 a\u0300 11.16.36\" data-image-description=\"\" data-image-caption=\"\" data-large-file=\"https:\/\/i0.wp.com\/itayachtscanada.com\/wp-content\/uploads\/2026\/02\/Capture-decran-le-2026-02-04-a-11.16.36.jpg?fit=700%2C463&amp;ssl=1\" \/><\/a>\n\t\t\t<\/div><\/figure><figure class='gallery-item'>\n\t\t\t<div class='gallery-icon landscape'>\n\t\t\t\t<a href='https:\/\/itayachtscanada.com\/fr\/listing\/absolute-navetta-48-2025-1799000-usd-for-sale\/capture-decran-le-2026-02-04-a-11-16-00\/'><img loading=\"lazy\" decoding=\"async\" width=\"300\" height=\"198\" src=\"https:\/\/i0.wp.com\/itayachtscanada.com\/wp-content\/uploads\/2026\/02\/Capture-decran-le-2026-02-04-a-11.16.00.jpg?fit=300%2C198&amp;ssl=1\" class=\"attachment-medium size-medium\" alt=\"\" srcset=\"https:\/\/i0.wp.com\/itayachtscanada.com\/wp-content\/uploads\/2026\/02\/Capture-decran-le-2026-02-04-a-11.16.00.jpg?w=1480&amp;ssl=1 1480w, https:\/\/i0.wp.com\/itayachtscanada.com\/wp-content\/uploads\/2026\/02\/Capture-decran-le-2026-02-04-a-11.16.00.jpg?resize=300%2C198&amp;ssl=1 300w, https:\/\/i0.wp.com\/itayachtscanada.com\/wp-content\/uploads\/2026\/02\/Capture-decran-le-2026-02-04-a-11.16.00.jpg?resize=1024%2C677&amp;ssl=1 1024w, https:\/\/i0.wp.com\/itayachtscanada.com\/wp-content\/uploads\/2026\/02\/Capture-decran-le-2026-02-04-a-11.16.00.jpg?resize=768%2C508&amp;ssl=1 768w, https:\/\/i0.wp.com\/itayachtscanada.com\/wp-content\/uploads\/2026\/02\/Capture-decran-le-2026-02-04-a-11.16.00.jpg?resize=700%2C463&amp;ssl=1 700w, https:\/\/i0.wp.com\/itayachtscanada.com\/wp-content\/uploads\/2026\/02\/Capture-decran-le-2026-02-04-a-11.16.00.jpg?resize=605%2C400&amp;ssl=1 605w, https:\/\/i0.wp.com\/itayachtscanada.com\/wp-content\/uploads\/2026\/02\/Capture-decran-le-2026-02-04-a-11.16.00.jpg?w=1400&amp;ssl=1 1400w\" sizes=\"auto, (max-width: 300px) 100vw, 300px\" data-attachment-id=\"299066\" data-permalink=\"https:\/\/itayachtscanada.com\/fr\/listing\/absolute-navetta-48-2025-1799000-usd-for-sale\/capture-decran-le-2026-02-04-a-11-16-00\/\" data-orig-file=\"https:\/\/i0.wp.com\/itayachtscanada.com\/wp-content\/uploads\/2026\/02\/Capture-decran-le-2026-02-04-a-11.16.00.jpg?fit=1480%2C978&amp;ssl=1\" data-orig-size=\"1480,978\" data-comments-opened=\"1\" data-image-meta=\"{&quot;aperture&quot;:&quot;0&quot;,&quot;credit&quot;:&quot;&quot;,&quot;camera&quot;:&quot;&quot;,&quot;caption&quot;:&quot;&quot;,&quot;created_timestamp&quot;:&quot;0&quot;,&quot;copyright&quot;:&quot;&quot;,&quot;focal_length&quot;:&quot;0&quot;,&quot;iso&quot;:&quot;0&quot;,&quot;shutter_speed&quot;:&quot;0&quot;,&quot;title&quot;:&quot;&quot;,&quot;orientation&quot;:&quot;0&quot;}\" data-image-title=\"Capture d\u2019e\u0301cran, le 2026-02-04 a\u0300 11.16.00\" data-image-description=\"\" data-image-caption=\"\" data-large-file=\"https:\/\/i0.wp.com\/itayachtscanada.com\/wp-content\/uploads\/2026\/02\/Capture-decran-le-2026-02-04-a-11.16.00.jpg?fit=700%2C463&amp;ssl=1\" \/><\/a>\n\t\t\t<\/div><\/figure><figure class='gallery-item'>\n\t\t\t<div class='gallery-icon landscape'>\n\t\t\t\t<a href='https:\/\/itayachtscanada.com\/fr\/listing\/absolute-navetta-48-2025-1799000-usd-for-sale\/capture-decran-le-2026-02-04-a-11-16-06\/'><img loading=\"lazy\" decoding=\"async\" width=\"300\" height=\"198\" src=\"https:\/\/i0.wp.com\/itayachtscanada.com\/wp-content\/uploads\/2026\/02\/Capture-decran-le-2026-02-04-a-11.16.06.jpg?fit=300%2C198&amp;ssl=1\" class=\"attachment-medium size-medium\" alt=\"\" srcset=\"https:\/\/i0.wp.com\/itayachtscanada.com\/wp-content\/uploads\/2026\/02\/Capture-decran-le-2026-02-04-a-11.16.06.jpg?w=1480&amp;ssl=1 1480w, https:\/\/i0.wp.com\/itayachtscanada.com\/wp-content\/uploads\/2026\/02\/Capture-decran-le-2026-02-04-a-11.16.06.jpg?resize=300%2C198&amp;ssl=1 300w, https:\/\/i0.wp.com\/itayachtscanada.com\/wp-content\/uploads\/2026\/02\/Capture-decran-le-2026-02-04-a-11.16.06.jpg?resize=1024%2C677&amp;ssl=1 1024w, https:\/\/i0.wp.com\/itayachtscanada.com\/wp-content\/uploads\/2026\/02\/Capture-decran-le-2026-02-04-a-11.16.06.jpg?resize=768%2C508&amp;ssl=1 768w, https:\/\/i0.wp.com\/itayachtscanada.com\/wp-content\/uploads\/2026\/02\/Capture-decran-le-2026-02-04-a-11.16.06.jpg?resize=700%2C463&amp;ssl=1 700w, https:\/\/i0.wp.com\/itayachtscanada.com\/wp-content\/uploads\/2026\/02\/Capture-decran-le-2026-02-04-a-11.16.06.jpg?resize=605%2C400&amp;ssl=1 605w, https:\/\/i0.wp.com\/itayachtscanada.com\/wp-content\/uploads\/2026\/02\/Capture-decran-le-2026-02-04-a-11.16.06.jpg?w=1400&amp;ssl=1 1400w\" sizes=\"auto, (max-width: 300px) 100vw, 300px\" data-attachment-id=\"299064\" data-permalink=\"https:\/\/itayachtscanada.com\/fr\/listing\/absolute-navetta-48-2025-1799000-usd-for-sale\/capture-decran-le-2026-02-04-a-11-16-06\/\" data-orig-file=\"https:\/\/i0.wp.com\/itayachtscanada.com\/wp-content\/uploads\/2026\/02\/Capture-decran-le-2026-02-04-a-11.16.06.jpg?fit=1480%2C978&amp;ssl=1\" data-orig-size=\"1480,978\" data-comments-opened=\"1\" data-image-meta=\"{&quot;aperture&quot;:&quot;0&quot;,&quot;credit&quot;:&quot;&quot;,&quot;camera&quot;:&quot;&quot;,&quot;caption&quot;:&quot;&quot;,&quot;created_timestamp&quot;:&quot;0&quot;,&quot;copyright&quot;:&quot;&quot;,&quot;focal_length&quot;:&quot;0&quot;,&quot;iso&quot;:&quot;0&quot;,&quot;shutter_speed&quot;:&quot;0&quot;,&quot;title&quot;:&quot;&quot;,&quot;orientation&quot;:&quot;0&quot;}\" data-image-title=\"Capture d\u2019e\u0301cran, le 2026-02-04 a\u0300 11.16.06\" data-image-description=\"\" data-image-caption=\"\" data-large-file=\"https:\/\/i0.wp.com\/itayachtscanada.com\/wp-content\/uploads\/2026\/02\/Capture-decran-le-2026-02-04-a-11.16.06.jpg?fit=700%2C463&amp;ssl=1\" \/><\/a>\n\t\t\t<\/div><\/figure><figure class='gallery-item'>\n\t\t\t<div class='gallery-icon landscape'>\n\t\t\t\t<a href='https:\/\/itayachtscanada.com\/fr\/listing\/absolute-navetta-48-2025-1799000-usd-for-sale\/capture-decran-le-2026-02-04-a-11-16-03\/'><img loading=\"lazy\" decoding=\"async\" width=\"300\" height=\"198\" src=\"https:\/\/i0.wp.com\/itayachtscanada.com\/wp-content\/uploads\/2026\/02\/Capture-decran-le-2026-02-04-a-11.16.03.jpg?fit=300%2C198&amp;ssl=1\" class=\"attachment-medium size-medium\" alt=\"\" srcset=\"https:\/\/i0.wp.com\/itayachtscanada.com\/wp-content\/uploads\/2026\/02\/Capture-decran-le-2026-02-04-a-11.16.03.jpg?w=1480&amp;ssl=1 1480w, https:\/\/i0.wp.com\/itayachtscanada.com\/wp-content\/uploads\/2026\/02\/Capture-decran-le-2026-02-04-a-11.16.03.jpg?resize=300%2C198&amp;ssl=1 300w, https:\/\/i0.wp.com\/itayachtscanada.com\/wp-content\/uploads\/2026\/02\/Capture-decran-le-2026-02-04-a-11.16.03.jpg?resize=1024%2C677&amp;ssl=1 1024w, https:\/\/i0.wp.com\/itayachtscanada.com\/wp-content\/uploads\/2026\/02\/Capture-decran-le-2026-02-04-a-11.16.03.jpg?resize=768%2C508&amp;ssl=1 768w, https:\/\/i0.wp.com\/itayachtscanada.com\/wp-content\/uploads\/2026\/02\/Capture-decran-le-2026-02-04-a-11.16.03.jpg?resize=700%2C463&amp;ssl=1 700w, https:\/\/i0.wp.com\/itayachtscanada.com\/wp-content\/uploads\/2026\/02\/Capture-decran-le-2026-02-04-a-11.16.03.jpg?resize=605%2C400&amp;ssl=1 605w, https:\/\/i0.wp.com\/itayachtscanada.com\/wp-content\/uploads\/2026\/02\/Capture-decran-le-2026-02-04-a-11.16.03.jpg?w=1400&amp;ssl=1 1400w\" sizes=\"auto, (max-width: 300px) 100vw, 300px\" data-attachment-id=\"299065\" data-permalink=\"https:\/\/itayachtscanada.com\/fr\/listing\/absolute-navetta-48-2025-1799000-usd-for-sale\/capture-decran-le-2026-02-04-a-11-16-03\/\" data-orig-file=\"https:\/\/i0.wp.com\/itayachtscanada.com\/wp-content\/uploads\/2026\/02\/Capture-decran-le-2026-02-04-a-11.16.03.jpg?fit=1480%2C978&amp;ssl=1\" data-orig-size=\"1480,978\" data-comments-opened=\"1\" data-image-meta=\"{&quot;aperture&quot;:&quot;0&quot;,&quot;credit&quot;:&quot;&quot;,&quot;camera&quot;:&quot;&quot;,&quot;caption&quot;:&quot;&quot;,&quot;created_timestamp&quot;:&quot;0&quot;,&quot;copyright&quot;:&quot;&quot;,&quot;focal_length&quot;:&quot;0&quot;,&quot;iso&quot;:&quot;0&quot;,&quot;shutter_speed&quot;:&quot;0&quot;,&quot;title&quot;:&quot;&quot;,&quot;orientation&quot;:&quot;0&quot;}\" data-image-title=\"Capture d\u2019e\u0301cran, le 2026-02-04 a\u0300 11.16.03\" data-image-description=\"\" data-image-caption=\"\" data-large-file=\"https:\/\/i0.wp.com\/itayachtscanada.com\/wp-content\/uploads\/2026\/02\/Capture-decran-le-2026-02-04-a-11.16.03.jpg?fit=700%2C463&amp;ssl=1\" \/><\/a>\n\t\t\t<\/div><\/figure><figure class='gallery-item'>\n\t\t\t<div class='gallery-icon landscape'>\n\t\t\t\t<a href='https:\/\/itayachtscanada.com\/fr\/listing\/absolute-navetta-48-2025-1799000-usd-for-sale\/capture-decran-le-2026-02-04-a-11-16-22\/'><img loading=\"lazy\" decoding=\"async\" width=\"300\" height=\"198\" src=\"https:\/\/i0.wp.com\/itayachtscanada.com\/wp-content\/uploads\/2026\/02\/Capture-decran-le-2026-02-04-a-11.16.22.jpg?fit=300%2C198&amp;ssl=1\" class=\"attachment-medium size-medium\" alt=\"\" srcset=\"https:\/\/i0.wp.com\/itayachtscanada.com\/wp-content\/uploads\/2026\/02\/Capture-decran-le-2026-02-04-a-11.16.22.jpg?w=1480&amp;ssl=1 1480w, https:\/\/i0.wp.com\/itayachtscanada.com\/wp-content\/uploads\/2026\/02\/Capture-decran-le-2026-02-04-a-11.16.22.jpg?resize=300%2C198&amp;ssl=1 300w, https:\/\/i0.wp.com\/itayachtscanada.com\/wp-content\/uploads\/2026\/02\/Capture-decran-le-2026-02-04-a-11.16.22.jpg?resize=1024%2C677&amp;ssl=1 1024w, https:\/\/i0.wp.com\/itayachtscanada.com\/wp-content\/uploads\/2026\/02\/Capture-decran-le-2026-02-04-a-11.16.22.jpg?resize=768%2C508&amp;ssl=1 768w, https:\/\/i0.wp.com\/itayachtscanada.com\/wp-content\/uploads\/2026\/02\/Capture-decran-le-2026-02-04-a-11.16.22.jpg?resize=700%2C463&amp;ssl=1 700w, https:\/\/i0.wp.com\/itayachtscanada.com\/wp-content\/uploads\/2026\/02\/Capture-decran-le-2026-02-04-a-11.16.22.jpg?resize=605%2C400&amp;ssl=1 605w, https:\/\/i0.wp.com\/itayachtscanada.com\/wp-content\/uploads\/2026\/02\/Capture-decran-le-2026-02-04-a-11.16.22.jpg?w=1400&amp;ssl=1 1400w\" sizes=\"auto, (max-width: 300px) 100vw, 300px\" data-attachment-id=\"299059\" data-permalink=\"https:\/\/itayachtscanada.com\/fr\/listing\/absolute-navetta-48-2025-1799000-usd-for-sale\/capture-decran-le-2026-02-04-a-11-16-22\/\" data-orig-file=\"https:\/\/i0.wp.com\/itayachtscanada.com\/wp-content\/uploads\/2026\/02\/Capture-decran-le-2026-02-04-a-11.16.22.jpg?fit=1480%2C978&amp;ssl=1\" data-orig-size=\"1480,978\" data-comments-opened=\"1\" data-image-meta=\"{&quot;aperture&quot;:&quot;0&quot;,&quot;credit&quot;:&quot;&quot;,&quot;camera&quot;:&quot;&quot;,&quot;caption&quot;:&quot;&quot;,&quot;created_timestamp&quot;:&quot;0&quot;,&quot;copyright&quot;:&quot;&quot;,&quot;focal_length&quot;:&quot;0&quot;,&quot;iso&quot;:&quot;0&quot;,&quot;shutter_speed&quot;:&quot;0&quot;,&quot;title&quot;:&quot;&quot;,&quot;orientation&quot;:&quot;0&quot;}\" data-image-title=\"Capture d\u2019e\u0301cran, le 2026-02-04 a\u0300 11.16.22\" data-image-description=\"\" data-image-caption=\"\" data-large-file=\"https:\/\/i0.wp.com\/itayachtscanada.com\/wp-content\/uploads\/2026\/02\/Capture-decran-le-2026-02-04-a-11.16.22.jpg?fit=700%2C463&amp;ssl=1\" \/><\/a>\n\t\t\t<\/div><\/figure><figure class='gallery-item'>\n\t\t\t<div class='gallery-icon landscape'>\n\t\t\t\t<a href='https:\/\/itayachtscanada.com\/fr\/listing\/absolute-navetta-48-2025-1799000-usd-for-sale\/capture-decran-le-2026-02-04-a-11-16-19\/'><img loading=\"lazy\" decoding=\"async\" width=\"300\" height=\"198\" src=\"https:\/\/i0.wp.com\/itayachtscanada.com\/wp-content\/uploads\/2026\/02\/Capture-decran-le-2026-02-04-a-11.16.19.jpg?fit=300%2C198&amp;ssl=1\" class=\"attachment-medium size-medium\" alt=\"\" srcset=\"https:\/\/i0.wp.com\/itayachtscanada.com\/wp-content\/uploads\/2026\/02\/Capture-decran-le-2026-02-04-a-11.16.19.jpg?w=1480&amp;ssl=1 1480w, https:\/\/i0.wp.com\/itayachtscanada.com\/wp-content\/uploads\/2026\/02\/Capture-decran-le-2026-02-04-a-11.16.19.jpg?resize=300%2C198&amp;ssl=1 300w, https:\/\/i0.wp.com\/itayachtscanada.com\/wp-content\/uploads\/2026\/02\/Capture-decran-le-2026-02-04-a-11.16.19.jpg?resize=1024%2C677&amp;ssl=1 1024w, https:\/\/i0.wp.com\/itayachtscanada.com\/wp-content\/uploads\/2026\/02\/Capture-decran-le-2026-02-04-a-11.16.19.jpg?resize=768%2C508&amp;ssl=1 768w, https:\/\/i0.wp.com\/itayachtscanada.com\/wp-content\/uploads\/2026\/02\/Capture-decran-le-2026-02-04-a-11.16.19.jpg?resize=700%2C463&amp;ssl=1 700w, https:\/\/i0.wp.com\/itayachtscanada.com\/wp-content\/uploads\/2026\/02\/Capture-decran-le-2026-02-04-a-11.16.19.jpg?resize=605%2C400&amp;ssl=1 605w, https:\/\/i0.wp.com\/itayachtscanada.com\/wp-content\/uploads\/2026\/02\/Capture-decran-le-2026-02-04-a-11.16.19.jpg?w=1400&amp;ssl=1 1400w\" sizes=\"auto, (max-width: 300px) 100vw, 300px\" data-attachment-id=\"299060\" data-permalink=\"https:\/\/itayachtscanada.com\/fr\/listing\/absolute-navetta-48-2025-1799000-usd-for-sale\/capture-decran-le-2026-02-04-a-11-16-19\/\" data-orig-file=\"https:\/\/i0.wp.com\/itayachtscanada.com\/wp-content\/uploads\/2026\/02\/Capture-decran-le-2026-02-04-a-11.16.19.jpg?fit=1480%2C978&amp;ssl=1\" data-orig-size=\"1480,978\" data-comments-opened=\"1\" data-image-meta=\"{&quot;aperture&quot;:&quot;0&quot;,&quot;credit&quot;:&quot;&quot;,&quot;camera&quot;:&quot;&quot;,&quot;caption&quot;:&quot;&quot;,&quot;created_timestamp&quot;:&quot;0&quot;,&quot;copyright&quot;:&quot;&quot;,&quot;focal_length&quot;:&quot;0&quot;,&quot;iso&quot;:&quot;0&quot;,&quot;shutter_speed&quot;:&quot;0&quot;,&quot;title&quot;:&quot;&quot;,&quot;orientation&quot;:&quot;0&quot;}\" data-image-title=\"Capture d\u2019e\u0301cran, le 2026-02-04 a\u0300 11.16.19\" data-image-description=\"\" data-image-caption=\"\" data-large-file=\"https:\/\/i0.wp.com\/itayachtscanada.com\/wp-content\/uploads\/2026\/02\/Capture-decran-le-2026-02-04-a-11.16.19.jpg?fit=700%2C463&amp;ssl=1\" \/><\/a>\n\t\t\t<\/div><\/figure><figure class='gallery-item'>\n\t\t\t<div class='gallery-icon landscape'>\n\t\t\t\t<a href='https:\/\/itayachtscanada.com\/fr\/listing\/absolute-navetta-48-2025-1799000-usd-for-sale\/capture-decran-le-2026-02-04-a-11-15-57\/'><img loading=\"lazy\" decoding=\"async\" width=\"300\" height=\"198\" src=\"https:\/\/i0.wp.com\/itayachtscanada.com\/wp-content\/uploads\/2026\/02\/Capture-decran-le-2026-02-04-a-11.15.57.jpg?fit=300%2C198&amp;ssl=1\" class=\"attachment-medium size-medium\" alt=\"\" srcset=\"https:\/\/i0.wp.com\/itayachtscanada.com\/wp-content\/uploads\/2026\/02\/Capture-decran-le-2026-02-04-a-11.15.57.jpg?w=1480&amp;ssl=1 1480w, https:\/\/i0.wp.com\/itayachtscanada.com\/wp-content\/uploads\/2026\/02\/Capture-decran-le-2026-02-04-a-11.15.57.jpg?resize=300%2C198&amp;ssl=1 300w, https:\/\/i0.wp.com\/itayachtscanada.com\/wp-content\/uploads\/2026\/02\/Capture-decran-le-2026-02-04-a-11.15.57.jpg?resize=1024%2C677&amp;ssl=1 1024w, https:\/\/i0.wp.com\/itayachtscanada.com\/wp-content\/uploads\/2026\/02\/Capture-decran-le-2026-02-04-a-11.15.57.jpg?resize=768%2C508&amp;ssl=1 768w, https:\/\/i0.wp.com\/itayachtscanada.com\/wp-content\/uploads\/2026\/02\/Capture-decran-le-2026-02-04-a-11.15.57.jpg?resize=700%2C463&amp;ssl=1 700w, https:\/\/i0.wp.com\/itayachtscanada.com\/wp-content\/uploads\/2026\/02\/Capture-decran-le-2026-02-04-a-11.15.57.jpg?resize=605%2C400&amp;ssl=1 605w, https:\/\/i0.wp.com\/itayachtscanada.com\/wp-content\/uploads\/2026\/02\/Capture-decran-le-2026-02-04-a-11.15.57.jpg?w=1400&amp;ssl=1 1400w\" sizes=\"auto, (max-width: 300px) 100vw, 300px\" data-attachment-id=\"299067\" data-permalink=\"https:\/\/itayachtscanada.com\/fr\/listing\/absolute-navetta-48-2025-1799000-usd-for-sale\/capture-decran-le-2026-02-04-a-11-15-57\/\" data-orig-file=\"https:\/\/i0.wp.com\/itayachtscanada.com\/wp-content\/uploads\/2026\/02\/Capture-decran-le-2026-02-04-a-11.15.57.jpg?fit=1480%2C978&amp;ssl=1\" data-orig-size=\"1480,978\" data-comments-opened=\"1\" data-image-meta=\"{&quot;aperture&quot;:&quot;0&quot;,&quot;credit&quot;:&quot;&quot;,&quot;camera&quot;:&quot;&quot;,&quot;caption&quot;:&quot;&quot;,&quot;created_timestamp&quot;:&quot;0&quot;,&quot;copyright&quot;:&quot;&quot;,&quot;focal_length&quot;:&quot;0&quot;,&quot;iso&quot;:&quot;0&quot;,&quot;shutter_speed&quot;:&quot;0&quot;,&quot;title&quot;:&quot;&quot;,&quot;orientation&quot;:&quot;0&quot;}\" data-image-title=\"Capture d\u2019e\u0301cran, le 2026-02-04 a\u0300 11.15.57\" data-image-description=\"\" data-image-caption=\"\" data-large-file=\"https:\/\/i0.wp.com\/itayachtscanada.com\/wp-content\/uploads\/2026\/02\/Capture-decran-le-2026-02-04-a-11.15.57.jpg?fit=700%2C463&amp;ssl=1\" \/><\/a>\n\t\t\t<\/div><\/figure><figure class='gallery-item'>\n\t\t\t<div class='gallery-icon landscape'>\n\t\t\t\t<a href='https:\/\/itayachtscanada.com\/fr\/listing\/absolute-navetta-48-2025-1799000-usd-for-sale\/capture-decran-le-2026-02-04-a-11-15-54\/'><img loading=\"lazy\" decoding=\"async\" width=\"300\" height=\"198\" src=\"https:\/\/i0.wp.com\/itayachtscanada.com\/wp-content\/uploads\/2026\/02\/Capture-decran-le-2026-02-04-a-11.15.54.jpg?fit=300%2C198&amp;ssl=1\" class=\"attachment-medium size-medium\" alt=\"\" srcset=\"https:\/\/i0.wp.com\/itayachtscanada.com\/wp-content\/uploads\/2026\/02\/Capture-decran-le-2026-02-04-a-11.15.54.jpg?w=1480&amp;ssl=1 1480w, https:\/\/i0.wp.com\/itayachtscanada.com\/wp-content\/uploads\/2026\/02\/Capture-decran-le-2026-02-04-a-11.15.54.jpg?resize=300%2C198&amp;ssl=1 300w, https:\/\/i0.wp.com\/itayachtscanada.com\/wp-content\/uploads\/2026\/02\/Capture-decran-le-2026-02-04-a-11.15.54.jpg?resize=1024%2C677&amp;ssl=1 1024w, https:\/\/i0.wp.com\/itayachtscanada.com\/wp-content\/uploads\/2026\/02\/Capture-decran-le-2026-02-04-a-11.15.54.jpg?resize=768%2C508&amp;ssl=1 768w, https:\/\/i0.wp.com\/itayachtscanada.com\/wp-content\/uploads\/2026\/02\/Capture-decran-le-2026-02-04-a-11.15.54.jpg?resize=700%2C463&amp;ssl=1 700w, https:\/\/i0.wp.com\/itayachtscanada.com\/wp-content\/uploads\/2026\/02\/Capture-decran-le-2026-02-04-a-11.15.54.jpg?resize=605%2C400&amp;ssl=1 605w, https:\/\/i0.wp.com\/itayachtscanada.com\/wp-content\/uploads\/2026\/02\/Capture-decran-le-2026-02-04-a-11.15.54.jpg?w=1400&amp;ssl=1 1400w\" sizes=\"auto, (max-width: 300px) 100vw, 300px\" data-attachment-id=\"299068\" data-permalink=\"https:\/\/itayachtscanada.com\/fr\/listing\/absolute-navetta-48-2025-1799000-usd-for-sale\/capture-decran-le-2026-02-04-a-11-15-54\/\" data-orig-file=\"https:\/\/i0.wp.com\/itayachtscanada.com\/wp-content\/uploads\/2026\/02\/Capture-decran-le-2026-02-04-a-11.15.54.jpg?fit=1480%2C978&amp;ssl=1\" data-orig-size=\"1480,978\" data-comments-opened=\"1\" data-image-meta=\"{&quot;aperture&quot;:&quot;0&quot;,&quot;credit&quot;:&quot;&quot;,&quot;camera&quot;:&quot;&quot;,&quot;caption&quot;:&quot;&quot;,&quot;created_timestamp&quot;:&quot;0&quot;,&quot;copyright&quot;:&quot;&quot;,&quot;focal_length&quot;:&quot;0&quot;,&quot;iso&quot;:&quot;0&quot;,&quot;shutter_speed&quot;:&quot;0&quot;,&quot;title&quot;:&quot;&quot;,&quot;orientation&quot;:&quot;0&quot;}\" data-image-title=\"Capture d\u2019e\u0301cran, le 2026-02-04 a\u0300 11.15.54\" data-image-description=\"\" data-image-caption=\"\" data-large-file=\"https:\/\/i0.wp.com\/itayachtscanada.com\/wp-content\/uploads\/2026\/02\/Capture-decran-le-2026-02-04-a-11.15.54.jpg?fit=700%2C463&amp;ssl=1\" \/><\/a>\n\t\t\t<\/div><\/figure><figure class='gallery-item'>\n\t\t\t<div class='gallery-icon landscape'>\n\t\t\t\t<a href='https:\/\/itayachtscanada.com\/fr\/listing\/absolute-navetta-48-2025-1799000-usd-for-sale\/capture-decran-le-2026-02-04-a-11-15-50\/'><img loading=\"lazy\" decoding=\"async\" width=\"300\" height=\"198\" src=\"https:\/\/i0.wp.com\/itayachtscanada.com\/wp-content\/uploads\/2026\/02\/Capture-decran-le-2026-02-04-a-11.15.50.jpg?fit=300%2C198&amp;ssl=1\" class=\"attachment-medium size-medium\" alt=\"\" srcset=\"https:\/\/i0.wp.com\/itayachtscanada.com\/wp-content\/uploads\/2026\/02\/Capture-decran-le-2026-02-04-a-11.15.50.jpg?w=1480&amp;ssl=1 1480w, https:\/\/i0.wp.com\/itayachtscanada.com\/wp-content\/uploads\/2026\/02\/Capture-decran-le-2026-02-04-a-11.15.50.jpg?resize=300%2C198&amp;ssl=1 300w, https:\/\/i0.wp.com\/itayachtscanada.com\/wp-content\/uploads\/2026\/02\/Capture-decran-le-2026-02-04-a-11.15.50.jpg?resize=1024%2C677&amp;ssl=1 1024w, https:\/\/i0.wp.com\/itayachtscanada.com\/wp-content\/uploads\/2026\/02\/Capture-decran-le-2026-02-04-a-11.15.50.jpg?resize=768%2C508&amp;ssl=1 768w, https:\/\/i0.wp.com\/itayachtscanada.com\/wp-content\/uploads\/2026\/02\/Capture-decran-le-2026-02-04-a-11.15.50.jpg?resize=700%2C463&amp;ssl=1 700w, https:\/\/i0.wp.com\/itayachtscanada.com\/wp-content\/uploads\/2026\/02\/Capture-decran-le-2026-02-04-a-11.15.50.jpg?resize=605%2C400&amp;ssl=1 605w, https:\/\/i0.wp.com\/itayachtscanada.com\/wp-content\/uploads\/2026\/02\/Capture-decran-le-2026-02-04-a-11.15.50.jpg?w=1400&amp;ssl=1 1400w\" sizes=\"auto, (max-width: 300px) 100vw, 300px\" data-attachment-id=\"299069\" data-permalink=\"https:\/\/itayachtscanada.com\/fr\/listing\/absolute-navetta-48-2025-1799000-usd-for-sale\/capture-decran-le-2026-02-04-a-11-15-50\/\" data-orig-file=\"https:\/\/i0.wp.com\/itayachtscanada.com\/wp-content\/uploads\/2026\/02\/Capture-decran-le-2026-02-04-a-11.15.50.jpg?fit=1480%2C978&amp;ssl=1\" data-orig-size=\"1480,978\" data-comments-opened=\"1\" data-image-meta=\"{&quot;aperture&quot;:&quot;0&quot;,&quot;credit&quot;:&quot;&quot;,&quot;camera&quot;:&quot;&quot;,&quot;caption&quot;:&quot;&quot;,&quot;created_timestamp&quot;:&quot;0&quot;,&quot;copyright&quot;:&quot;&quot;,&quot;focal_length&quot;:&quot;0&quot;,&quot;iso&quot;:&quot;0&quot;,&quot;shutter_speed&quot;:&quot;0&quot;,&quot;title&quot;:&quot;&quot;,&quot;orientation&quot;:&quot;0&quot;}\" data-image-title=\"Capture d\u2019e\u0301cran, le 2026-02-04 a\u0300 11.15.50\" data-image-description=\"\" data-image-caption=\"\" data-large-file=\"https:\/\/i0.wp.com\/itayachtscanada.com\/wp-content\/uploads\/2026\/02\/Capture-decran-le-2026-02-04-a-11.15.50.jpg?fit=700%2C463&amp;ssl=1\" \/><\/a>\n\t\t\t<\/div><\/figure><figure class='gallery-item'>\n\t\t\t<div class='gallery-icon landscape'>\n\t\t\t\t<a href='https:\/\/itayachtscanada.com\/fr\/listing\/absolute-navetta-48-2025-1799000-usd-for-sale\/capture-decran-le-2026-02-04-a-11-15-46\/'><img loading=\"lazy\" decoding=\"async\" width=\"300\" height=\"198\" src=\"https:\/\/i0.wp.com\/itayachtscanada.com\/wp-content\/uploads\/2026\/02\/Capture-decran-le-2026-02-04-a-11.15.46.jpg?fit=300%2C198&amp;ssl=1\" class=\"attachment-medium size-medium\" alt=\"\" srcset=\"https:\/\/i0.wp.com\/itayachtscanada.com\/wp-content\/uploads\/2026\/02\/Capture-decran-le-2026-02-04-a-11.15.46.jpg?w=1480&amp;ssl=1 1480w, https:\/\/i0.wp.com\/itayachtscanada.com\/wp-content\/uploads\/2026\/02\/Capture-decran-le-2026-02-04-a-11.15.46.jpg?resize=300%2C198&amp;ssl=1 300w, https:\/\/i0.wp.com\/itayachtscanada.com\/wp-content\/uploads\/2026\/02\/Capture-decran-le-2026-02-04-a-11.15.46.jpg?resize=1024%2C677&amp;ssl=1 1024w, https:\/\/i0.wp.com\/itayachtscanada.com\/wp-content\/uploads\/2026\/02\/Capture-decran-le-2026-02-04-a-11.15.46.jpg?resize=768%2C508&amp;ssl=1 768w, https:\/\/i0.wp.com\/itayachtscanada.com\/wp-content\/uploads\/2026\/02\/Capture-decran-le-2026-02-04-a-11.15.46.jpg?resize=700%2C463&amp;ssl=1 700w, https:\/\/i0.wp.com\/itayachtscanada.com\/wp-content\/uploads\/2026\/02\/Capture-decran-le-2026-02-04-a-11.15.46.jpg?resize=605%2C400&amp;ssl=1 605w, https:\/\/i0.wp.com\/itayachtscanada.com\/wp-content\/uploads\/2026\/02\/Capture-decran-le-2026-02-04-a-11.15.46.jpg?w=1400&amp;ssl=1 1400w\" sizes=\"auto, (max-width: 300px) 100vw, 300px\" data-attachment-id=\"299070\" data-permalink=\"https:\/\/itayachtscanada.com\/fr\/listing\/absolute-navetta-48-2025-1799000-usd-for-sale\/capture-decran-le-2026-02-04-a-11-15-46\/\" data-orig-file=\"https:\/\/i0.wp.com\/itayachtscanada.com\/wp-content\/uploads\/2026\/02\/Capture-decran-le-2026-02-04-a-11.15.46.jpg?fit=1480%2C978&amp;ssl=1\" data-orig-size=\"1480,978\" data-comments-opened=\"1\" data-image-meta=\"{&quot;aperture&quot;:&quot;0&quot;,&quot;credit&quot;:&quot;&quot;,&quot;camera&quot;:&quot;&quot;,&quot;caption&quot;:&quot;&quot;,&quot;created_timestamp&quot;:&quot;0&quot;,&quot;copyright&quot;:&quot;&quot;,&quot;focal_length&quot;:&quot;0&quot;,&quot;iso&quot;:&quot;0&quot;,&quot;shutter_speed&quot;:&quot;0&quot;,&quot;title&quot;:&quot;&quot;,&quot;orientation&quot;:&quot;0&quot;}\" data-image-title=\"Capture d\u2019e\u0301cran, le 2026-02-04 a\u0300 11.15.46\" data-image-description=\"\" data-image-caption=\"\" data-large-file=\"https:\/\/i0.wp.com\/itayachtscanada.com\/wp-content\/uploads\/2026\/02\/Capture-decran-le-2026-02-04-a-11.15.46.jpg?fit=700%2C463&amp;ssl=1\" \/><\/a>\n\t\t\t<\/div><\/figure><figure class='gallery-item'>\n\t\t\t<div class='gallery-icon landscape'>\n\t\t\t\t<a href='https:\/\/itayachtscanada.com\/fr\/listing\/absolute-navetta-48-2025-1799000-usd-for-sale\/capture-decran-le-2026-02-04-a-11-15-43\/'><img loading=\"lazy\" decoding=\"async\" width=\"300\" height=\"198\" src=\"https:\/\/i0.wp.com\/itayachtscanada.com\/wp-content\/uploads\/2026\/02\/Capture-decran-le-2026-02-04-a-11.15.43.jpg?fit=300%2C198&amp;ssl=1\" class=\"attachment-medium size-medium\" alt=\"\" srcset=\"https:\/\/i0.wp.com\/itayachtscanada.com\/wp-content\/uploads\/2026\/02\/Capture-decran-le-2026-02-04-a-11.15.43.jpg?w=1480&amp;ssl=1 1480w, https:\/\/i0.wp.com\/itayachtscanada.com\/wp-content\/uploads\/2026\/02\/Capture-decran-le-2026-02-04-a-11.15.43.jpg?resize=300%2C198&amp;ssl=1 300w, https:\/\/i0.wp.com\/itayachtscanada.com\/wp-content\/uploads\/2026\/02\/Capture-decran-le-2026-02-04-a-11.15.43.jpg?resize=1024%2C677&amp;ssl=1 1024w, https:\/\/i0.wp.com\/itayachtscanada.com\/wp-content\/uploads\/2026\/02\/Capture-decran-le-2026-02-04-a-11.15.43.jpg?resize=768%2C508&amp;ssl=1 768w, https:\/\/i0.wp.com\/itayachtscanada.com\/wp-content\/uploads\/2026\/02\/Capture-decran-le-2026-02-04-a-11.15.43.jpg?resize=700%2C463&amp;ssl=1 700w, https:\/\/i0.wp.com\/itayachtscanada.com\/wp-content\/uploads\/2026\/02\/Capture-decran-le-2026-02-04-a-11.15.43.jpg?resize=605%2C400&amp;ssl=1 605w, https:\/\/i0.wp.com\/itayachtscanada.com\/wp-content\/uploads\/2026\/02\/Capture-decran-le-2026-02-04-a-11.15.43.jpg?w=1400&amp;ssl=1 1400w\" sizes=\"auto, (max-width: 300px) 100vw, 300px\" data-attachment-id=\"299071\" data-permalink=\"https:\/\/itayachtscanada.com\/fr\/listing\/absolute-navetta-48-2025-1799000-usd-for-sale\/capture-decran-le-2026-02-04-a-11-15-43\/\" data-orig-file=\"https:\/\/i0.wp.com\/itayachtscanada.com\/wp-content\/uploads\/2026\/02\/Capture-decran-le-2026-02-04-a-11.15.43.jpg?fit=1480%2C978&amp;ssl=1\" data-orig-size=\"1480,978\" data-comments-opened=\"1\" data-image-meta=\"{&quot;aperture&quot;:&quot;0&quot;,&quot;credit&quot;:&quot;&quot;,&quot;camera&quot;:&quot;&quot;,&quot;caption&quot;:&quot;&quot;,&quot;created_timestamp&quot;:&quot;0&quot;,&quot;copyright&quot;:&quot;&quot;,&quot;focal_length&quot;:&quot;0&quot;,&quot;iso&quot;:&quot;0&quot;,&quot;shutter_speed&quot;:&quot;0&quot;,&quot;title&quot;:&quot;&quot;,&quot;orientation&quot;:&quot;0&quot;}\" data-image-title=\"Capture d\u2019e\u0301cran, le 2026-02-04 a\u0300 11.15.43\" data-image-description=\"\" data-image-caption=\"\" data-large-file=\"https:\/\/i0.wp.com\/itayachtscanada.com\/wp-content\/uploads\/2026\/02\/Capture-decran-le-2026-02-04-a-11.15.43.jpg?fit=700%2C463&amp;ssl=1\" \/><\/a>\n\t\t\t<\/div><\/figure><figure class='gallery-item'>\n\t\t\t<div class='gallery-icon landscape'>\n\t\t\t\t<a href='https:\/\/itayachtscanada.com\/fr\/listing\/absolute-navetta-48-2025-1799000-usd-for-sale\/capture-decran-le-2026-02-04-a-11-15-39\/'><img loading=\"lazy\" decoding=\"async\" width=\"300\" height=\"198\" src=\"https:\/\/i0.wp.com\/itayachtscanada.com\/wp-content\/uploads\/2026\/02\/Capture-decran-le-2026-02-04-a-11.15.39.jpg?fit=300%2C198&amp;ssl=1\" class=\"attachment-medium size-medium\" alt=\"\" srcset=\"https:\/\/i0.wp.com\/itayachtscanada.com\/wp-content\/uploads\/2026\/02\/Capture-decran-le-2026-02-04-a-11.15.39.jpg?w=1480&amp;ssl=1 1480w, https:\/\/i0.wp.com\/itayachtscanada.com\/wp-content\/uploads\/2026\/02\/Capture-decran-le-2026-02-04-a-11.15.39.jpg?resize=300%2C198&amp;ssl=1 300w, https:\/\/i0.wp.com\/itayachtscanada.com\/wp-content\/uploads\/2026\/02\/Capture-decran-le-2026-02-04-a-11.15.39.jpg?resize=1024%2C677&amp;ssl=1 1024w, https:\/\/i0.wp.com\/itayachtscanada.com\/wp-content\/uploads\/2026\/02\/Capture-decran-le-2026-02-04-a-11.15.39.jpg?resize=768%2C508&amp;ssl=1 768w, https:\/\/i0.wp.com\/itayachtscanada.com\/wp-content\/uploads\/2026\/02\/Capture-decran-le-2026-02-04-a-11.15.39.jpg?resize=700%2C463&amp;ssl=1 700w, https:\/\/i0.wp.com\/itayachtscanada.com\/wp-content\/uploads\/2026\/02\/Capture-decran-le-2026-02-04-a-11.15.39.jpg?resize=605%2C400&amp;ssl=1 605w, https:\/\/i0.wp.com\/itayachtscanada.com\/wp-content\/uploads\/2026\/02\/Capture-decran-le-2026-02-04-a-11.15.39.jpg?w=1400&amp;ssl=1 1400w\" sizes=\"auto, (max-width: 300px) 100vw, 300px\" data-attachment-id=\"299072\" data-permalink=\"https:\/\/itayachtscanada.com\/fr\/listing\/absolute-navetta-48-2025-1799000-usd-for-sale\/capture-decran-le-2026-02-04-a-11-15-39\/\" data-orig-file=\"https:\/\/i0.wp.com\/itayachtscanada.com\/wp-content\/uploads\/2026\/02\/Capture-decran-le-2026-02-04-a-11.15.39.jpg?fit=1480%2C978&amp;ssl=1\" data-orig-size=\"1480,978\" data-comments-opened=\"1\" data-image-meta=\"{&quot;aperture&quot;:&quot;0&quot;,&quot;credit&quot;:&quot;&quot;,&quot;camera&quot;:&quot;&quot;,&quot;caption&quot;:&quot;&quot;,&quot;created_timestamp&quot;:&quot;0&quot;,&quot;copyright&quot;:&quot;&quot;,&quot;focal_length&quot;:&quot;0&quot;,&quot;iso&quot;:&quot;0&quot;,&quot;shutter_speed&quot;:&quot;0&quot;,&quot;title&quot;:&quot;&quot;,&quot;orientation&quot;:&quot;0&quot;}\" data-image-title=\"Capture d\u2019e\u0301cran, le 2026-02-04 a\u0300 11.15.39\" data-image-description=\"\" data-image-caption=\"\" data-large-file=\"https:\/\/i0.wp.com\/itayachtscanada.com\/wp-content\/uploads\/2026\/02\/Capture-decran-le-2026-02-04-a-11.15.39.jpg?fit=700%2C463&amp;ssl=1\" \/><\/a>\n\t\t\t<\/div><\/figure><figure class='gallery-item'>\n\t\t\t<div class='gallery-icon landscape'>\n\t\t\t\t<a href='https:\/\/itayachtscanada.com\/fr\/listing\/absolute-navetta-48-2025-1799000-usd-for-sale\/capture-decran-le-2026-02-04-a-11-15-35\/'><img loading=\"lazy\" decoding=\"async\" width=\"300\" height=\"198\" src=\"https:\/\/i0.wp.com\/itayachtscanada.com\/wp-content\/uploads\/2026\/02\/Capture-decran-le-2026-02-04-a-11.15.35.jpg?fit=300%2C198&amp;ssl=1\" class=\"attachment-medium size-medium\" alt=\"\" srcset=\"https:\/\/i0.wp.com\/itayachtscanada.com\/wp-content\/uploads\/2026\/02\/Capture-decran-le-2026-02-04-a-11.15.35.jpg?w=1480&amp;ssl=1 1480w, https:\/\/i0.wp.com\/itayachtscanada.com\/wp-content\/uploads\/2026\/02\/Capture-decran-le-2026-02-04-a-11.15.35.jpg?resize=300%2C198&amp;ssl=1 300w, https:\/\/i0.wp.com\/itayachtscanada.com\/wp-content\/uploads\/2026\/02\/Capture-decran-le-2026-02-04-a-11.15.35.jpg?resize=1024%2C677&amp;ssl=1 1024w, https:\/\/i0.wp.com\/itayachtscanada.com\/wp-content\/uploads\/2026\/02\/Capture-decran-le-2026-02-04-a-11.15.35.jpg?resize=768%2C508&amp;ssl=1 768w, https:\/\/i0.wp.com\/itayachtscanada.com\/wp-content\/uploads\/2026\/02\/Capture-decran-le-2026-02-04-a-11.15.35.jpg?resize=700%2C463&amp;ssl=1 700w, https:\/\/i0.wp.com\/itayachtscanada.com\/wp-content\/uploads\/2026\/02\/Capture-decran-le-2026-02-04-a-11.15.35.jpg?resize=605%2C400&amp;ssl=1 605w, https:\/\/i0.wp.com\/itayachtscanada.com\/wp-content\/uploads\/2026\/02\/Capture-decran-le-2026-02-04-a-11.15.35.jpg?w=1400&amp;ssl=1 1400w\" sizes=\"auto, (max-width: 300px) 100vw, 300px\" data-attachment-id=\"299073\" data-permalink=\"https:\/\/itayachtscanada.com\/fr\/listing\/absolute-navetta-48-2025-1799000-usd-for-sale\/capture-decran-le-2026-02-04-a-11-15-35\/\" data-orig-file=\"https:\/\/i0.wp.com\/itayachtscanada.com\/wp-content\/uploads\/2026\/02\/Capture-decran-le-2026-02-04-a-11.15.35.jpg?fit=1480%2C978&amp;ssl=1\" data-orig-size=\"1480,978\" data-comments-opened=\"1\" data-image-meta=\"{&quot;aperture&quot;:&quot;0&quot;,&quot;credit&quot;:&quot;&quot;,&quot;camera&quot;:&quot;&quot;,&quot;caption&quot;:&quot;&quot;,&quot;created_timestamp&quot;:&quot;0&quot;,&quot;copyright&quot;:&quot;&quot;,&quot;focal_length&quot;:&quot;0&quot;,&quot;iso&quot;:&quot;0&quot;,&quot;shutter_speed&quot;:&quot;0&quot;,&quot;title&quot;:&quot;&quot;,&quot;orientation&quot;:&quot;0&quot;}\" data-image-title=\"Capture d\u2019e\u0301cran, le 2026-02-04 a\u0300 11.15.35\" data-image-description=\"\" data-image-caption=\"\" data-large-file=\"https:\/\/i0.wp.com\/itayachtscanada.com\/wp-content\/uploads\/2026\/02\/Capture-decran-le-2026-02-04-a-11.15.35.jpg?fit=700%2C463&amp;ssl=1\" \/><\/a>\n\t\t\t<\/div><\/figure><figure class='gallery-item'>\n\t\t\t<div class='gallery-icon landscape'>\n\t\t\t\t<a href='https:\/\/itayachtscanada.com\/fr\/listing\/absolute-navetta-48-2025-1799000-usd-for-sale\/capture-decran-le-2026-02-04-a-11-15-32\/'><img loading=\"lazy\" decoding=\"async\" width=\"300\" height=\"198\" src=\"https:\/\/i0.wp.com\/itayachtscanada.com\/wp-content\/uploads\/2026\/02\/Capture-decran-le-2026-02-04-a-11.15.32.jpg?fit=300%2C198&amp;ssl=1\" class=\"attachment-medium size-medium\" alt=\"\" srcset=\"https:\/\/i0.wp.com\/itayachtscanada.com\/wp-content\/uploads\/2026\/02\/Capture-decran-le-2026-02-04-a-11.15.32.jpg?w=1480&amp;ssl=1 1480w, https:\/\/i0.wp.com\/itayachtscanada.com\/wp-content\/uploads\/2026\/02\/Capture-decran-le-2026-02-04-a-11.15.32.jpg?resize=300%2C198&amp;ssl=1 300w, https:\/\/i0.wp.com\/itayachtscanada.com\/wp-content\/uploads\/2026\/02\/Capture-decran-le-2026-02-04-a-11.15.32.jpg?resize=1024%2C677&amp;ssl=1 1024w, https:\/\/i0.wp.com\/itayachtscanada.com\/wp-content\/uploads\/2026\/02\/Capture-decran-le-2026-02-04-a-11.15.32.jpg?resize=768%2C508&amp;ssl=1 768w, https:\/\/i0.wp.com\/itayachtscanada.com\/wp-content\/uploads\/2026\/02\/Capture-decran-le-2026-02-04-a-11.15.32.jpg?resize=700%2C463&amp;ssl=1 700w, https:\/\/i0.wp.com\/itayachtscanada.com\/wp-content\/uploads\/2026\/02\/Capture-decran-le-2026-02-04-a-11.15.32.jpg?resize=605%2C400&amp;ssl=1 605w, https:\/\/i0.wp.com\/itayachtscanada.com\/wp-content\/uploads\/2026\/02\/Capture-decran-le-2026-02-04-a-11.15.32.jpg?w=1400&amp;ssl=1 1400w\" sizes=\"auto, (max-width: 300px) 100vw, 300px\" data-attachment-id=\"299074\" data-permalink=\"https:\/\/itayachtscanada.com\/fr\/listing\/absolute-navetta-48-2025-1799000-usd-for-sale\/capture-decran-le-2026-02-04-a-11-15-32\/\" data-orig-file=\"https:\/\/i0.wp.com\/itayachtscanada.com\/wp-content\/uploads\/2026\/02\/Capture-decran-le-2026-02-04-a-11.15.32.jpg?fit=1480%2C978&amp;ssl=1\" data-orig-size=\"1480,978\" data-comments-opened=\"1\" data-image-meta=\"{&quot;aperture&quot;:&quot;0&quot;,&quot;credit&quot;:&quot;&quot;,&quot;camera&quot;:&quot;&quot;,&quot;caption&quot;:&quot;&quot;,&quot;created_timestamp&quot;:&quot;0&quot;,&quot;copyright&quot;:&quot;&quot;,&quot;focal_length&quot;:&quot;0&quot;,&quot;iso&quot;:&quot;0&quot;,&quot;shutter_speed&quot;:&quot;0&quot;,&quot;title&quot;:&quot;&quot;,&quot;orientation&quot;:&quot;0&quot;}\" data-image-title=\"Capture d\u2019e\u0301cran, le 2026-02-04 a\u0300 11.15.32\" data-image-description=\"\" data-image-caption=\"\" data-large-file=\"https:\/\/i0.wp.com\/itayachtscanada.com\/wp-content\/uploads\/2026\/02\/Capture-decran-le-2026-02-04-a-11.15.32.jpg?fit=700%2C463&amp;ssl=1\" \/><\/a>\n\t\t\t<\/div><\/figure><figure class='gallery-item'>\n\t\t\t<div class='gallery-icon landscape'>\n\t\t\t\t<a href='https:\/\/itayachtscanada.com\/fr\/listing\/absolute-navetta-48-2025-1799000-usd-for-sale\/capture-decran-le-2026-02-04-a-11-15-29\/'><img loading=\"lazy\" decoding=\"async\" width=\"300\" height=\"198\" src=\"https:\/\/i0.wp.com\/itayachtscanada.com\/wp-content\/uploads\/2026\/02\/Capture-decran-le-2026-02-04-a-11.15.29.jpg?fit=300%2C198&amp;ssl=1\" class=\"attachment-medium size-medium\" alt=\"\" srcset=\"https:\/\/i0.wp.com\/itayachtscanada.com\/wp-content\/uploads\/2026\/02\/Capture-decran-le-2026-02-04-a-11.15.29.jpg?w=1480&amp;ssl=1 1480w, https:\/\/i0.wp.com\/itayachtscanada.com\/wp-content\/uploads\/2026\/02\/Capture-decran-le-2026-02-04-a-11.15.29.jpg?resize=300%2C198&amp;ssl=1 300w, https:\/\/i0.wp.com\/itayachtscanada.com\/wp-content\/uploads\/2026\/02\/Capture-decran-le-2026-02-04-a-11.15.29.jpg?resize=1024%2C677&amp;ssl=1 1024w, https:\/\/i0.wp.com\/itayachtscanada.com\/wp-content\/uploads\/2026\/02\/Capture-decran-le-2026-02-04-a-11.15.29.jpg?resize=768%2C508&amp;ssl=1 768w, https:\/\/i0.wp.com\/itayachtscanada.com\/wp-content\/uploads\/2026\/02\/Capture-decran-le-2026-02-04-a-11.15.29.jpg?resize=700%2C463&amp;ssl=1 700w, https:\/\/i0.wp.com\/itayachtscanada.com\/wp-content\/uploads\/2026\/02\/Capture-decran-le-2026-02-04-a-11.15.29.jpg?resize=605%2C400&amp;ssl=1 605w, https:\/\/i0.wp.com\/itayachtscanada.com\/wp-content\/uploads\/2026\/02\/Capture-decran-le-2026-02-04-a-11.15.29.jpg?w=1400&amp;ssl=1 1400w\" sizes=\"auto, (max-width: 300px) 100vw, 300px\" data-attachment-id=\"299075\" data-permalink=\"https:\/\/itayachtscanada.com\/fr\/listing\/absolute-navetta-48-2025-1799000-usd-for-sale\/capture-decran-le-2026-02-04-a-11-15-29\/\" data-orig-file=\"https:\/\/i0.wp.com\/itayachtscanada.com\/wp-content\/uploads\/2026\/02\/Capture-decran-le-2026-02-04-a-11.15.29.jpg?fit=1480%2C978&amp;ssl=1\" data-orig-size=\"1480,978\" data-comments-opened=\"1\" data-image-meta=\"{&quot;aperture&quot;:&quot;0&quot;,&quot;credit&quot;:&quot;&quot;,&quot;camera&quot;:&quot;&quot;,&quot;caption&quot;:&quot;&quot;,&quot;created_timestamp&quot;:&quot;0&quot;,&quot;copyright&quot;:&quot;&quot;,&quot;focal_length&quot;:&quot;0&quot;,&quot;iso&quot;:&quot;0&quot;,&quot;shutter_speed&quot;:&quot;0&quot;,&quot;title&quot;:&quot;&quot;,&quot;orientation&quot;:&quot;0&quot;}\" data-image-title=\"Capture d\u2019e\u0301cran, le 2026-02-04 a\u0300 11.15.29\" data-image-description=\"\" data-image-caption=\"\" data-large-file=\"https:\/\/i0.wp.com\/itayachtscanada.com\/wp-content\/uploads\/2026\/02\/Capture-decran-le-2026-02-04-a-11.15.29.jpg?fit=700%2C463&amp;ssl=1\" \/><\/a>\n\t\t\t<\/div><\/figure><figure class='gallery-item'>\n\t\t\t<div class='gallery-icon landscape'>\n\t\t\t\t<a href='https:\/\/itayachtscanada.com\/fr\/listing\/absolute-navetta-48-2025-1799000-usd-for-sale\/capture-decran-le-2026-02-04-a-11-15-26\/'><img loading=\"lazy\" decoding=\"async\" width=\"300\" height=\"198\" src=\"https:\/\/i0.wp.com\/itayachtscanada.com\/wp-content\/uploads\/2026\/02\/Capture-decran-le-2026-02-04-a-11.15.26.jpg?fit=300%2C198&amp;ssl=1\" class=\"attachment-medium size-medium\" alt=\"\" srcset=\"https:\/\/i0.wp.com\/itayachtscanada.com\/wp-content\/uploads\/2026\/02\/Capture-decran-le-2026-02-04-a-11.15.26.jpg?w=1480&amp;ssl=1 1480w, https:\/\/i0.wp.com\/itayachtscanada.com\/wp-content\/uploads\/2026\/02\/Capture-decran-le-2026-02-04-a-11.15.26.jpg?resize=300%2C198&amp;ssl=1 300w, https:\/\/i0.wp.com\/itayachtscanada.com\/wp-content\/uploads\/2026\/02\/Capture-decran-le-2026-02-04-a-11.15.26.jpg?resize=1024%2C677&amp;ssl=1 1024w, https:\/\/i0.wp.com\/itayachtscanada.com\/wp-content\/uploads\/2026\/02\/Capture-decran-le-2026-02-04-a-11.15.26.jpg?resize=768%2C508&amp;ssl=1 768w, https:\/\/i0.wp.com\/itayachtscanada.com\/wp-content\/uploads\/2026\/02\/Capture-decran-le-2026-02-04-a-11.15.26.jpg?resize=700%2C463&amp;ssl=1 700w, https:\/\/i0.wp.com\/itayachtscanada.com\/wp-content\/uploads\/2026\/02\/Capture-decran-le-2026-02-04-a-11.15.26.jpg?resize=605%2C400&amp;ssl=1 605w, https:\/\/i0.wp.com\/itayachtscanada.com\/wp-content\/uploads\/2026\/02\/Capture-decran-le-2026-02-04-a-11.15.26.jpg?w=1400&amp;ssl=1 1400w\" sizes=\"auto, (max-width: 300px) 100vw, 300px\" data-attachment-id=\"299076\" data-permalink=\"https:\/\/itayachtscanada.com\/fr\/listing\/absolute-navetta-48-2025-1799000-usd-for-sale\/capture-decran-le-2026-02-04-a-11-15-26\/\" data-orig-file=\"https:\/\/i0.wp.com\/itayachtscanada.com\/wp-content\/uploads\/2026\/02\/Capture-decran-le-2026-02-04-a-11.15.26.jpg?fit=1480%2C978&amp;ssl=1\" data-orig-size=\"1480,978\" data-comments-opened=\"1\" data-image-meta=\"{&quot;aperture&quot;:&quot;0&quot;,&quot;credit&quot;:&quot;&quot;,&quot;camera&quot;:&quot;&quot;,&quot;caption&quot;:&quot;&quot;,&quot;created_timestamp&quot;:&quot;0&quot;,&quot;copyright&quot;:&quot;&quot;,&quot;focal_length&quot;:&quot;0&quot;,&quot;iso&quot;:&quot;0&quot;,&quot;shutter_speed&quot;:&quot;0&quot;,&quot;title&quot;:&quot;&quot;,&quot;orientation&quot;:&quot;0&quot;}\" data-image-title=\"Capture d\u2019e\u0301cran, le 2026-02-04 a\u0300 11.15.26\" data-image-description=\"\" data-image-caption=\"\" data-large-file=\"https:\/\/i0.wp.com\/itayachtscanada.com\/wp-content\/uploads\/2026\/02\/Capture-decran-le-2026-02-04-a-11.15.26.jpg?fit=700%2C463&amp;ssl=1\" \/><\/a>\n\t\t\t<\/div><\/figure><figure class='gallery-item'>\n\t\t\t<div class='gallery-icon landscape'>\n\t\t\t\t<a href='https:\/\/itayachtscanada.com\/fr\/listing\/absolute-navetta-48-2025-1799000-usd-for-sale\/capture-decran-le-2026-02-04-a-11-15-22\/'><img loading=\"lazy\" decoding=\"async\" width=\"300\" height=\"198\" src=\"https:\/\/i0.wp.com\/itayachtscanada.com\/wp-content\/uploads\/2026\/02\/Capture-decran-le-2026-02-04-a-11.15.22.jpg?fit=300%2C198&amp;ssl=1\" class=\"attachment-medium size-medium\" alt=\"\" srcset=\"https:\/\/i0.wp.com\/itayachtscanada.com\/wp-content\/uploads\/2026\/02\/Capture-decran-le-2026-02-04-a-11.15.22.jpg?w=1480&amp;ssl=1 1480w, https:\/\/i0.wp.com\/itayachtscanada.com\/wp-content\/uploads\/2026\/02\/Capture-decran-le-2026-02-04-a-11.15.22.jpg?resize=300%2C198&amp;ssl=1 300w, https:\/\/i0.wp.com\/itayachtscanada.com\/wp-content\/uploads\/2026\/02\/Capture-decran-le-2026-02-04-a-11.15.22.jpg?resize=1024%2C677&amp;ssl=1 1024w, https:\/\/i0.wp.com\/itayachtscanada.com\/wp-content\/uploads\/2026\/02\/Capture-decran-le-2026-02-04-a-11.15.22.jpg?resize=768%2C508&amp;ssl=1 768w, https:\/\/i0.wp.com\/itayachtscanada.com\/wp-content\/uploads\/2026\/02\/Capture-decran-le-2026-02-04-a-11.15.22.jpg?resize=700%2C463&amp;ssl=1 700w, https:\/\/i0.wp.com\/itayachtscanada.com\/wp-content\/uploads\/2026\/02\/Capture-decran-le-2026-02-04-a-11.15.22.jpg?resize=605%2C400&amp;ssl=1 605w, https:\/\/i0.wp.com\/itayachtscanada.com\/wp-content\/uploads\/2026\/02\/Capture-decran-le-2026-02-04-a-11.15.22.jpg?w=1400&amp;ssl=1 1400w\" sizes=\"auto, (max-width: 300px) 100vw, 300px\" data-attachment-id=\"299077\" data-permalink=\"https:\/\/itayachtscanada.com\/fr\/listing\/absolute-navetta-48-2025-1799000-usd-for-sale\/capture-decran-le-2026-02-04-a-11-15-22\/\" data-orig-file=\"https:\/\/i0.wp.com\/itayachtscanada.com\/wp-content\/uploads\/2026\/02\/Capture-decran-le-2026-02-04-a-11.15.22.jpg?fit=1480%2C978&amp;ssl=1\" data-orig-size=\"1480,978\" data-comments-opened=\"1\" data-image-meta=\"{&quot;aperture&quot;:&quot;0&quot;,&quot;credit&quot;:&quot;&quot;,&quot;camera&quot;:&quot;&quot;,&quot;caption&quot;:&quot;&quot;,&quot;created_timestamp&quot;:&quot;0&quot;,&quot;copyright&quot;:&quot;&quot;,&quot;focal_length&quot;:&quot;0&quot;,&quot;iso&quot;:&quot;0&quot;,&quot;shutter_speed&quot;:&quot;0&quot;,&quot;title&quot;:&quot;&quot;,&quot;orientation&quot;:&quot;0&quot;}\" data-image-title=\"Capture d\u2019e\u0301cran, le 2026-02-04 a\u0300 11.15.22\" data-image-description=\"\" data-image-caption=\"\" data-large-file=\"https:\/\/i0.wp.com\/itayachtscanada.com\/wp-content\/uploads\/2026\/02\/Capture-decran-le-2026-02-04-a-11.15.22.jpg?fit=700%2C463&amp;ssl=1\" \/><\/a>\n\t\t\t<\/div><\/figure><figure class='gallery-item'>\n\t\t\t<div class='gallery-icon landscape'>\n\t\t\t\t<a href='https:\/\/itayachtscanada.com\/fr\/listing\/absolute-navetta-48-2025-1799000-usd-for-sale\/capture-decran-le-2026-02-04-a-11-15-19\/'><img loading=\"lazy\" decoding=\"async\" width=\"300\" height=\"198\" src=\"https:\/\/i0.wp.com\/itayachtscanada.com\/wp-content\/uploads\/2026\/02\/Capture-decran-le-2026-02-04-a-11.15.19.jpg?fit=300%2C198&amp;ssl=1\" class=\"attachment-medium size-medium\" alt=\"\" srcset=\"https:\/\/i0.wp.com\/itayachtscanada.com\/wp-content\/uploads\/2026\/02\/Capture-decran-le-2026-02-04-a-11.15.19.jpg?w=1480&amp;ssl=1 1480w, https:\/\/i0.wp.com\/itayachtscanada.com\/wp-content\/uploads\/2026\/02\/Capture-decran-le-2026-02-04-a-11.15.19.jpg?resize=300%2C198&amp;ssl=1 300w, https:\/\/i0.wp.com\/itayachtscanada.com\/wp-content\/uploads\/2026\/02\/Capture-decran-le-2026-02-04-a-11.15.19.jpg?resize=1024%2C677&amp;ssl=1 1024w, https:\/\/i0.wp.com\/itayachtscanada.com\/wp-content\/uploads\/2026\/02\/Capture-decran-le-2026-02-04-a-11.15.19.jpg?resize=768%2C508&amp;ssl=1 768w, https:\/\/i0.wp.com\/itayachtscanada.com\/wp-content\/uploads\/2026\/02\/Capture-decran-le-2026-02-04-a-11.15.19.jpg?resize=700%2C463&amp;ssl=1 700w, https:\/\/i0.wp.com\/itayachtscanada.com\/wp-content\/uploads\/2026\/02\/Capture-decran-le-2026-02-04-a-11.15.19.jpg?resize=605%2C400&amp;ssl=1 605w, https:\/\/i0.wp.com\/itayachtscanada.com\/wp-content\/uploads\/2026\/02\/Capture-decran-le-2026-02-04-a-11.15.19.jpg?w=1400&amp;ssl=1 1400w\" sizes=\"auto, (max-width: 300px) 100vw, 300px\" data-attachment-id=\"299078\" data-permalink=\"https:\/\/itayachtscanada.com\/fr\/listing\/absolute-navetta-48-2025-1799000-usd-for-sale\/capture-decran-le-2026-02-04-a-11-15-19\/\" data-orig-file=\"https:\/\/i0.wp.com\/itayachtscanada.com\/wp-content\/uploads\/2026\/02\/Capture-decran-le-2026-02-04-a-11.15.19.jpg?fit=1480%2C978&amp;ssl=1\" data-orig-size=\"1480,978\" data-comments-opened=\"1\" data-image-meta=\"{&quot;aperture&quot;:&quot;0&quot;,&quot;credit&quot;:&quot;&quot;,&quot;camera&quot;:&quot;&quot;,&quot;caption&quot;:&quot;&quot;,&quot;created_timestamp&quot;:&quot;0&quot;,&quot;copyright&quot;:&quot;&quot;,&quot;focal_length&quot;:&quot;0&quot;,&quot;iso&quot;:&quot;0&quot;,&quot;shutter_speed&quot;:&quot;0&quot;,&quot;title&quot;:&quot;&quot;,&quot;orientation&quot;:&quot;0&quot;}\" data-image-title=\"Capture d\u2019e\u0301cran, le 2026-02-04 a\u0300 11.15.19\" data-image-description=\"\" data-image-caption=\"\" data-large-file=\"https:\/\/i0.wp.com\/itayachtscanada.com\/wp-content\/uploads\/2026\/02\/Capture-decran-le-2026-02-04-a-11.15.19.jpg?fit=700%2C463&amp;ssl=1\" \/><\/a>\n\t\t\t<\/div><\/figure><figure class='gallery-item'>\n\t\t\t<div class='gallery-icon landscape'>\n\t\t\t\t<a href='https:\/\/itayachtscanada.com\/fr\/listing\/absolute-navetta-48-2025-1799000-usd-for-sale\/capture-decran-le-2026-02-04-a-11-15-15\/'><img loading=\"lazy\" decoding=\"async\" width=\"300\" height=\"198\" src=\"https:\/\/i0.wp.com\/itayachtscanada.com\/wp-content\/uploads\/2026\/02\/Capture-decran-le-2026-02-04-a-11.15.15.jpg?fit=300%2C198&amp;ssl=1\" class=\"attachment-medium size-medium\" alt=\"\" srcset=\"https:\/\/i0.wp.com\/itayachtscanada.com\/wp-content\/uploads\/2026\/02\/Capture-decran-le-2026-02-04-a-11.15.15.jpg?w=1480&amp;ssl=1 1480w, https:\/\/i0.wp.com\/itayachtscanada.com\/wp-content\/uploads\/2026\/02\/Capture-decran-le-2026-02-04-a-11.15.15.jpg?resize=300%2C198&amp;ssl=1 300w, https:\/\/i0.wp.com\/itayachtscanada.com\/wp-content\/uploads\/2026\/02\/Capture-decran-le-2026-02-04-a-11.15.15.jpg?resize=1024%2C677&amp;ssl=1 1024w, https:\/\/i0.wp.com\/itayachtscanada.com\/wp-content\/uploads\/2026\/02\/Capture-decran-le-2026-02-04-a-11.15.15.jpg?resize=768%2C508&amp;ssl=1 768w, https:\/\/i0.wp.com\/itayachtscanada.com\/wp-content\/uploads\/2026\/02\/Capture-decran-le-2026-02-04-a-11.15.15.jpg?resize=700%2C463&amp;ssl=1 700w, https:\/\/i0.wp.com\/itayachtscanada.com\/wp-content\/uploads\/2026\/02\/Capture-decran-le-2026-02-04-a-11.15.15.jpg?resize=605%2C400&amp;ssl=1 605w, https:\/\/i0.wp.com\/itayachtscanada.com\/wp-content\/uploads\/2026\/02\/Capture-decran-le-2026-02-04-a-11.15.15.jpg?w=1400&amp;ssl=1 1400w\" sizes=\"auto, (max-width: 300px) 100vw, 300px\" data-attachment-id=\"299079\" data-permalink=\"https:\/\/itayachtscanada.com\/fr\/listing\/absolute-navetta-48-2025-1799000-usd-for-sale\/capture-decran-le-2026-02-04-a-11-15-15\/\" data-orig-file=\"https:\/\/i0.wp.com\/itayachtscanada.com\/wp-content\/uploads\/2026\/02\/Capture-decran-le-2026-02-04-a-11.15.15.jpg?fit=1480%2C978&amp;ssl=1\" data-orig-size=\"1480,978\" data-comments-opened=\"1\" data-image-meta=\"{&quot;aperture&quot;:&quot;0&quot;,&quot;credit&quot;:&quot;&quot;,&quot;camera&quot;:&quot;&quot;,&quot;caption&quot;:&quot;&quot;,&quot;created_timestamp&quot;:&quot;0&quot;,&quot;copyright&quot;:&quot;&quot;,&quot;focal_length&quot;:&quot;0&quot;,&quot;iso&quot;:&quot;0&quot;,&quot;shutter_speed&quot;:&quot;0&quot;,&quot;title&quot;:&quot;&quot;,&quot;orientation&quot;:&quot;0&quot;}\" data-image-title=\"Capture d\u2019e\u0301cran, le 2026-02-04 a\u0300 11.15.15\" data-image-description=\"\" data-image-caption=\"\" data-large-file=\"https:\/\/i0.wp.com\/itayachtscanada.com\/wp-content\/uploads\/2026\/02\/Capture-decran-le-2026-02-04-a-11.15.15.jpg?fit=700%2C463&amp;ssl=1\" \/><\/a>\n\t\t\t<\/div><\/figure><figure class='gallery-item'>\n\t\t\t<div class='gallery-icon landscape'>\n\t\t\t\t<a href='https:\/\/itayachtscanada.com\/fr\/listing\/absolute-navetta-48-2025-1799000-usd-for-sale\/capture-decran-le-2026-02-04-a-11-15-12\/'><img loading=\"lazy\" decoding=\"async\" width=\"300\" height=\"198\" src=\"https:\/\/i0.wp.com\/itayachtscanada.com\/wp-content\/uploads\/2026\/02\/Capture-decran-le-2026-02-04-a-11.15.12.jpg?fit=300%2C198&amp;ssl=1\" class=\"attachment-medium size-medium\" alt=\"\" srcset=\"https:\/\/i0.wp.com\/itayachtscanada.com\/wp-content\/uploads\/2026\/02\/Capture-decran-le-2026-02-04-a-11.15.12.jpg?w=1480&amp;ssl=1 1480w, https:\/\/i0.wp.com\/itayachtscanada.com\/wp-content\/uploads\/2026\/02\/Capture-decran-le-2026-02-04-a-11.15.12.jpg?resize=300%2C198&amp;ssl=1 300w, https:\/\/i0.wp.com\/itayachtscanada.com\/wp-content\/uploads\/2026\/02\/Capture-decran-le-2026-02-04-a-11.15.12.jpg?resize=1024%2C677&amp;ssl=1 1024w, https:\/\/i0.wp.com\/itayachtscanada.com\/wp-content\/uploads\/2026\/02\/Capture-decran-le-2026-02-04-a-11.15.12.jpg?resize=768%2C508&amp;ssl=1 768w, https:\/\/i0.wp.com\/itayachtscanada.com\/wp-content\/uploads\/2026\/02\/Capture-decran-le-2026-02-04-a-11.15.12.jpg?resize=700%2C463&amp;ssl=1 700w, https:\/\/i0.wp.com\/itayachtscanada.com\/wp-content\/uploads\/2026\/02\/Capture-decran-le-2026-02-04-a-11.15.12.jpg?resize=605%2C400&amp;ssl=1 605w, https:\/\/i0.wp.com\/itayachtscanada.com\/wp-content\/uploads\/2026\/02\/Capture-decran-le-2026-02-04-a-11.15.12.jpg?w=1400&amp;ssl=1 1400w\" sizes=\"auto, (max-width: 300px) 100vw, 300px\" data-attachment-id=\"299080\" data-permalink=\"https:\/\/itayachtscanada.com\/fr\/listing\/absolute-navetta-48-2025-1799000-usd-for-sale\/capture-decran-le-2026-02-04-a-11-15-12\/\" data-orig-file=\"https:\/\/i0.wp.com\/itayachtscanada.com\/wp-content\/uploads\/2026\/02\/Capture-decran-le-2026-02-04-a-11.15.12.jpg?fit=1480%2C978&amp;ssl=1\" data-orig-size=\"1480,978\" data-comments-opened=\"1\" data-image-meta=\"{&quot;aperture&quot;:&quot;0&quot;,&quot;credit&quot;:&quot;&quot;,&quot;camera&quot;:&quot;&quot;,&quot;caption&quot;:&quot;&quot;,&quot;created_timestamp&quot;:&quot;0&quot;,&quot;copyright&quot;:&quot;&quot;,&quot;focal_length&quot;:&quot;0&quot;,&quot;iso&quot;:&quot;0&quot;,&quot;shutter_speed&quot;:&quot;0&quot;,&quot;title&quot;:&quot;&quot;,&quot;orientation&quot;:&quot;0&quot;}\" data-image-title=\"Capture d\u2019e\u0301cran, le 2026-02-04 a\u0300 11.15.12\" data-image-description=\"\" data-image-caption=\"\" data-large-file=\"https:\/\/i0.wp.com\/itayachtscanada.com\/wp-content\/uploads\/2026\/02\/Capture-decran-le-2026-02-04-a-11.15.12.jpg?fit=700%2C463&amp;ssl=1\" \/><\/a>\n\t\t\t<\/div><\/figure><figure class='gallery-item'>\n\t\t\t<div class='gallery-icon landscape'>\n\t\t\t\t<a href='https:\/\/itayachtscanada.com\/fr\/listing\/absolute-navetta-48-2025-1799000-usd-for-sale\/capture-decran-le-2026-02-04-a-11-15-08\/'><img loading=\"lazy\" decoding=\"async\" width=\"300\" height=\"198\" src=\"https:\/\/i0.wp.com\/itayachtscanada.com\/wp-content\/uploads\/2026\/02\/Capture-decran-le-2026-02-04-a-11.15.08.jpg?fit=300%2C198&amp;ssl=1\" class=\"attachment-medium size-medium\" alt=\"\" srcset=\"https:\/\/i0.wp.com\/itayachtscanada.com\/wp-content\/uploads\/2026\/02\/Capture-decran-le-2026-02-04-a-11.15.08.jpg?w=1480&amp;ssl=1 1480w, https:\/\/i0.wp.com\/itayachtscanada.com\/wp-content\/uploads\/2026\/02\/Capture-decran-le-2026-02-04-a-11.15.08.jpg?resize=300%2C198&amp;ssl=1 300w, https:\/\/i0.wp.com\/itayachtscanada.com\/wp-content\/uploads\/2026\/02\/Capture-decran-le-2026-02-04-a-11.15.08.jpg?resize=1024%2C677&amp;ssl=1 1024w, https:\/\/i0.wp.com\/itayachtscanada.com\/wp-content\/uploads\/2026\/02\/Capture-decran-le-2026-02-04-a-11.15.08.jpg?resize=768%2C508&amp;ssl=1 768w, https:\/\/i0.wp.com\/itayachtscanada.com\/wp-content\/uploads\/2026\/02\/Capture-decran-le-2026-02-04-a-11.15.08.jpg?resize=700%2C463&amp;ssl=1 700w, https:\/\/i0.wp.com\/itayachtscanada.com\/wp-content\/uploads\/2026\/02\/Capture-decran-le-2026-02-04-a-11.15.08.jpg?resize=605%2C400&amp;ssl=1 605w, https:\/\/i0.wp.com\/itayachtscanada.com\/wp-content\/uploads\/2026\/02\/Capture-decran-le-2026-02-04-a-11.15.08.jpg?w=1400&amp;ssl=1 1400w\" sizes=\"auto, (max-width: 300px) 100vw, 300px\" data-attachment-id=\"299081\" data-permalink=\"https:\/\/itayachtscanada.com\/fr\/listing\/absolute-navetta-48-2025-1799000-usd-for-sale\/capture-decran-le-2026-02-04-a-11-15-08\/\" data-orig-file=\"https:\/\/i0.wp.com\/itayachtscanada.com\/wp-content\/uploads\/2026\/02\/Capture-decran-le-2026-02-04-a-11.15.08.jpg?fit=1480%2C978&amp;ssl=1\" data-orig-size=\"1480,978\" data-comments-opened=\"1\" data-image-meta=\"{&quot;aperture&quot;:&quot;0&quot;,&quot;credit&quot;:&quot;&quot;,&quot;camera&quot;:&quot;&quot;,&quot;caption&quot;:&quot;&quot;,&quot;created_timestamp&quot;:&quot;0&quot;,&quot;copyright&quot;:&quot;&quot;,&quot;focal_length&quot;:&quot;0&quot;,&quot;iso&quot;:&quot;0&quot;,&quot;shutter_speed&quot;:&quot;0&quot;,&quot;title&quot;:&quot;&quot;,&quot;orientation&quot;:&quot;0&quot;}\" data-image-title=\"Capture d\u2019e\u0301cran, le 2026-02-04 a\u0300 11.15.08\" data-image-description=\"\" data-image-caption=\"\" data-large-file=\"https:\/\/i0.wp.com\/itayachtscanada.com\/wp-content\/uploads\/2026\/02\/Capture-decran-le-2026-02-04-a-11.15.08.jpg?fit=700%2C463&amp;ssl=1\" \/><\/a>\n\t\t\t<\/div><\/figure><figure class='gallery-item'>\n\t\t\t<div class='gallery-icon landscape'>\n\t\t\t\t<a href='https:\/\/itayachtscanada.com\/fr\/listing\/absolute-navetta-48-2025-1799000-usd-for-sale\/capture-decran-le-2026-02-04-a-11-15-05\/'><img loading=\"lazy\" decoding=\"async\" width=\"300\" height=\"198\" src=\"https:\/\/i0.wp.com\/itayachtscanada.com\/wp-content\/uploads\/2026\/02\/Capture-decran-le-2026-02-04-a-11.15.05.jpg?fit=300%2C198&amp;ssl=1\" class=\"attachment-medium size-medium\" alt=\"\" srcset=\"https:\/\/i0.wp.com\/itayachtscanada.com\/wp-content\/uploads\/2026\/02\/Capture-decran-le-2026-02-04-a-11.15.05.jpg?w=1480&amp;ssl=1 1480w, https:\/\/i0.wp.com\/itayachtscanada.com\/wp-content\/uploads\/2026\/02\/Capture-decran-le-2026-02-04-a-11.15.05.jpg?resize=300%2C198&amp;ssl=1 300w, https:\/\/i0.wp.com\/itayachtscanada.com\/wp-content\/uploads\/2026\/02\/Capture-decran-le-2026-02-04-a-11.15.05.jpg?resize=1024%2C677&amp;ssl=1 1024w, https:\/\/i0.wp.com\/itayachtscanada.com\/wp-content\/uploads\/2026\/02\/Capture-decran-le-2026-02-04-a-11.15.05.jpg?resize=768%2C508&amp;ssl=1 768w, https:\/\/i0.wp.com\/itayachtscanada.com\/wp-content\/uploads\/2026\/02\/Capture-decran-le-2026-02-04-a-11.15.05.jpg?resize=700%2C463&amp;ssl=1 700w, https:\/\/i0.wp.com\/itayachtscanada.com\/wp-content\/uploads\/2026\/02\/Capture-decran-le-2026-02-04-a-11.15.05.jpg?resize=605%2C400&amp;ssl=1 605w, https:\/\/i0.wp.com\/itayachtscanada.com\/wp-content\/uploads\/2026\/02\/Capture-decran-le-2026-02-04-a-11.15.05.jpg?w=1400&amp;ssl=1 1400w\" sizes=\"auto, (max-width: 300px) 100vw, 300px\" data-attachment-id=\"299082\" data-permalink=\"https:\/\/itayachtscanada.com\/fr\/listing\/absolute-navetta-48-2025-1799000-usd-for-sale\/capture-decran-le-2026-02-04-a-11-15-05\/\" data-orig-file=\"https:\/\/i0.wp.com\/itayachtscanada.com\/wp-content\/uploads\/2026\/02\/Capture-decran-le-2026-02-04-a-11.15.05.jpg?fit=1480%2C978&amp;ssl=1\" data-orig-size=\"1480,978\" data-comments-opened=\"1\" data-image-meta=\"{&quot;aperture&quot;:&quot;0&quot;,&quot;credit&quot;:&quot;&quot;,&quot;camera&quot;:&quot;&quot;,&quot;caption&quot;:&quot;&quot;,&quot;created_timestamp&quot;:&quot;0&quot;,&quot;copyright&quot;:&quot;&quot;,&quot;focal_length&quot;:&quot;0&quot;,&quot;iso&quot;:&quot;0&quot;,&quot;shutter_speed&quot;:&quot;0&quot;,&quot;title&quot;:&quot;&quot;,&quot;orientation&quot;:&quot;0&quot;}\" data-image-title=\"Capture d\u2019e\u0301cran, le 2026-02-04 a\u0300 11.15.05\" data-image-description=\"\" data-image-caption=\"\" data-large-file=\"https:\/\/i0.wp.com\/itayachtscanada.com\/wp-content\/uploads\/2026\/02\/Capture-decran-le-2026-02-04-a-11.15.05.jpg?fit=700%2C463&amp;ssl=1\" \/><\/a>\n\t\t\t<\/div><\/figure><figure class='gallery-item'>\n\t\t\t<div class='gallery-icon landscape'>\n\t\t\t\t<a href='https:\/\/itayachtscanada.com\/fr\/listing\/absolute-navetta-48-2025-1799000-usd-for-sale\/capture-decran-le-2026-02-04-a-11-15-01\/'><img loading=\"lazy\" decoding=\"async\" width=\"300\" height=\"198\" src=\"https:\/\/i0.wp.com\/itayachtscanada.com\/wp-content\/uploads\/2026\/02\/Capture-decran-le-2026-02-04-a-11.15.01.jpg?fit=300%2C198&amp;ssl=1\" class=\"attachment-medium size-medium\" alt=\"\" srcset=\"https:\/\/i0.wp.com\/itayachtscanada.com\/wp-content\/uploads\/2026\/02\/Capture-decran-le-2026-02-04-a-11.15.01.jpg?w=1480&amp;ssl=1 1480w, https:\/\/i0.wp.com\/itayachtscanada.com\/wp-content\/uploads\/2026\/02\/Capture-decran-le-2026-02-04-a-11.15.01.jpg?resize=300%2C198&amp;ssl=1 300w, https:\/\/i0.wp.com\/itayachtscanada.com\/wp-content\/uploads\/2026\/02\/Capture-decran-le-2026-02-04-a-11.15.01.jpg?resize=1024%2C677&amp;ssl=1 1024w, https:\/\/i0.wp.com\/itayachtscanada.com\/wp-content\/uploads\/2026\/02\/Capture-decran-le-2026-02-04-a-11.15.01.jpg?resize=768%2C508&amp;ssl=1 768w, https:\/\/i0.wp.com\/itayachtscanada.com\/wp-content\/uploads\/2026\/02\/Capture-decran-le-2026-02-04-a-11.15.01.jpg?resize=700%2C463&amp;ssl=1 700w, https:\/\/i0.wp.com\/itayachtscanada.com\/wp-content\/uploads\/2026\/02\/Capture-decran-le-2026-02-04-a-11.15.01.jpg?resize=605%2C400&amp;ssl=1 605w, https:\/\/i0.wp.com\/itayachtscanada.com\/wp-content\/uploads\/2026\/02\/Capture-decran-le-2026-02-04-a-11.15.01.jpg?w=1400&amp;ssl=1 1400w\" sizes=\"auto, (max-width: 300px) 100vw, 300px\" data-attachment-id=\"299083\" data-permalink=\"https:\/\/itayachtscanada.com\/fr\/listing\/absolute-navetta-48-2025-1799000-usd-for-sale\/capture-decran-le-2026-02-04-a-11-15-01\/\" data-orig-file=\"https:\/\/i0.wp.com\/itayachtscanada.com\/wp-content\/uploads\/2026\/02\/Capture-decran-le-2026-02-04-a-11.15.01.jpg?fit=1480%2C978&amp;ssl=1\" data-orig-size=\"1480,978\" data-comments-opened=\"1\" data-image-meta=\"{&quot;aperture&quot;:&quot;0&quot;,&quot;credit&quot;:&quot;&quot;,&quot;camera&quot;:&quot;&quot;,&quot;caption&quot;:&quot;&quot;,&quot;created_timestamp&quot;:&quot;0&quot;,&quot;copyright&quot;:&quot;&quot;,&quot;focal_length&quot;:&quot;0&quot;,&quot;iso&quot;:&quot;0&quot;,&quot;shutter_speed&quot;:&quot;0&quot;,&quot;title&quot;:&quot;&quot;,&quot;orientation&quot;:&quot;0&quot;}\" data-image-title=\"Capture d\u2019e\u0301cran, le 2026-02-04 a\u0300 11.15.01\" data-image-description=\"\" data-image-caption=\"\" data-large-file=\"https:\/\/i0.wp.com\/itayachtscanada.com\/wp-content\/uploads\/2026\/02\/Capture-decran-le-2026-02-04-a-11.15.01.jpg?fit=700%2C463&amp;ssl=1\" \/><\/a>\n\t\t\t<\/div><\/figure><figure class='gallery-item'>\n\t\t\t<div class='gallery-icon landscape'>\n\t\t\t\t<a href='https:\/\/itayachtscanada.com\/fr\/listing\/absolute-navetta-48-2025-1799000-usd-for-sale\/layout-absolute-navetta-48-2\/'><img loading=\"lazy\" decoding=\"async\" width=\"300\" height=\"230\" src=\"https:\/\/i0.wp.com\/itayachtscanada.com\/wp-content\/uploads\/2026\/02\/Layout-Absolute-Navetta-48.jpg?fit=300%2C230&amp;ssl=1\" class=\"attachment-medium size-medium\" alt=\"\" srcset=\"https:\/\/i0.wp.com\/itayachtscanada.com\/wp-content\/uploads\/2026\/02\/Layout-Absolute-Navetta-48.jpg?w=1686&amp;ssl=1 1686w, https:\/\/i0.wp.com\/itayachtscanada.com\/wp-content\/uploads\/2026\/02\/Layout-Absolute-Navetta-48.jpg?resize=300%2C230&amp;ssl=1 300w, https:\/\/i0.wp.com\/itayachtscanada.com\/wp-content\/uploads\/2026\/02\/Layout-Absolute-Navetta-48.jpg?resize=1024%2C783&amp;ssl=1 1024w, https:\/\/i0.wp.com\/itayachtscanada.com\/wp-content\/uploads\/2026\/02\/Layout-Absolute-Navetta-48.jpg?resize=768%2C588&amp;ssl=1 768w, https:\/\/i0.wp.com\/itayachtscanada.com\/wp-content\/uploads\/2026\/02\/Layout-Absolute-Navetta-48.jpg?resize=1536%2C1175&amp;ssl=1 1536w, https:\/\/i0.wp.com\/itayachtscanada.com\/wp-content\/uploads\/2026\/02\/Layout-Absolute-Navetta-48.jpg?resize=700%2C536&amp;ssl=1 700w, https:\/\/i0.wp.com\/itayachtscanada.com\/wp-content\/uploads\/2026\/02\/Layout-Absolute-Navetta-48.jpg?resize=523%2C400&amp;ssl=1 523w, https:\/\/i0.wp.com\/itayachtscanada.com\/wp-content\/uploads\/2026\/02\/Layout-Absolute-Navetta-48.jpg?w=1400&amp;ssl=1 1400w\" sizes=\"auto, (max-width: 300px) 100vw, 300px\" data-attachment-id=\"299093\" data-permalink=\"https:\/\/itayachtscanada.com\/fr\/listing\/absolute-navetta-48-2025-1799000-usd-for-sale\/layout-absolute-navetta-48-2\/\" data-orig-file=\"https:\/\/i0.wp.com\/itayachtscanada.com\/wp-content\/uploads\/2026\/02\/Layout-Absolute-Navetta-48.jpg?fit=1686%2C1290&amp;ssl=1\" data-orig-size=\"1686,1290\" data-comments-opened=\"1\" data-image-meta=\"{&quot;aperture&quot;:&quot;0&quot;,&quot;credit&quot;:&quot;&quot;,&quot;camera&quot;:&quot;&quot;,&quot;caption&quot;:&quot;&quot;,&quot;created_timestamp&quot;:&quot;0&quot;,&quot;copyright&quot;:&quot;&quot;,&quot;focal_length&quot;:&quot;0&quot;,&quot;iso&quot;:&quot;0&quot;,&quot;shutter_speed&quot;:&quot;0&quot;,&quot;title&quot;:&quot;&quot;,&quot;orientation&quot;:&quot;0&quot;}\" data-image-title=\"Layout Absolute Navetta 48\" data-image-description=\"\" data-image-caption=\"\" data-large-file=\"https:\/\/i0.wp.com\/itayachtscanada.com\/wp-content\/uploads\/2026\/02\/Layout-Absolute-Navetta-48.jpg?fit=700%2C535&amp;ssl=1\" \/><\/a>\n\t\t\t<\/div><\/figure><figure class='gallery-item'>\n\t\t\t<div class='gallery-icon landscape'>\n\t\t\t\t<a href='https:\/\/itayachtscanada.com\/fr\/listing\/absolute-navetta-48-2025-1799000-usd-for-sale\/capture-decran-le-2026-02-04-a-11-14-58\/'><img loading=\"lazy\" decoding=\"async\" width=\"300\" height=\"198\" src=\"https:\/\/i0.wp.com\/itayachtscanada.com\/wp-content\/uploads\/2026\/02\/Capture-decran-le-2026-02-04-a-11.14.58.jpg?fit=300%2C198&amp;ssl=1\" class=\"attachment-medium size-medium\" alt=\"\" srcset=\"https:\/\/i0.wp.com\/itayachtscanada.com\/wp-content\/uploads\/2026\/02\/Capture-decran-le-2026-02-04-a-11.14.58.jpg?w=1480&amp;ssl=1 1480w, https:\/\/i0.wp.com\/itayachtscanada.com\/wp-content\/uploads\/2026\/02\/Capture-decran-le-2026-02-04-a-11.14.58.jpg?resize=300%2C198&amp;ssl=1 300w, https:\/\/i0.wp.com\/itayachtscanada.com\/wp-content\/uploads\/2026\/02\/Capture-decran-le-2026-02-04-a-11.14.58.jpg?resize=1024%2C677&amp;ssl=1 1024w, https:\/\/i0.wp.com\/itayachtscanada.com\/wp-content\/uploads\/2026\/02\/Capture-decran-le-2026-02-04-a-11.14.58.jpg?resize=768%2C508&amp;ssl=1 768w, https:\/\/i0.wp.com\/itayachtscanada.com\/wp-content\/uploads\/2026\/02\/Capture-decran-le-2026-02-04-a-11.14.58.jpg?resize=700%2C463&amp;ssl=1 700w, https:\/\/i0.wp.com\/itayachtscanada.com\/wp-content\/uploads\/2026\/02\/Capture-decran-le-2026-02-04-a-11.14.58.jpg?resize=605%2C400&amp;ssl=1 605w, https:\/\/i0.wp.com\/itayachtscanada.com\/wp-content\/uploads\/2026\/02\/Capture-decran-le-2026-02-04-a-11.14.58.jpg?w=1400&amp;ssl=1 1400w\" sizes=\"auto, (max-width: 300px) 100vw, 300px\" data-attachment-id=\"299084\" data-permalink=\"https:\/\/itayachtscanada.com\/fr\/listing\/absolute-navetta-48-2025-1799000-usd-for-sale\/capture-decran-le-2026-02-04-a-11-14-58\/\" data-orig-file=\"https:\/\/i0.wp.com\/itayachtscanada.com\/wp-content\/uploads\/2026\/02\/Capture-decran-le-2026-02-04-a-11.14.58.jpg?fit=1480%2C978&amp;ssl=1\" data-orig-size=\"1480,978\" data-comments-opened=\"1\" data-image-meta=\"{&quot;aperture&quot;:&quot;0&quot;,&quot;credit&quot;:&quot;&quot;,&quot;camera&quot;:&quot;&quot;,&quot;caption&quot;:&quot;&quot;,&quot;created_timestamp&quot;:&quot;0&quot;,&quot;copyright&quot;:&quot;&quot;,&quot;focal_length&quot;:&quot;0&quot;,&quot;iso&quot;:&quot;0&quot;,&quot;shutter_speed&quot;:&quot;0&quot;,&quot;title&quot;:&quot;&quot;,&quot;orientation&quot;:&quot;0&quot;}\" data-image-title=\"Capture d\u2019e\u0301cran, le 2026-02-04 a\u0300 11.14.58\" data-image-description=\"\" data-image-caption=\"\" data-large-file=\"https:\/\/i0.wp.com\/itayachtscanada.com\/wp-content\/uploads\/2026\/02\/Capture-decran-le-2026-02-04-a-11.14.58.jpg?fit=700%2C463&amp;ssl=1\" \/><\/a>\n\t\t\t<\/div><\/figure><figure class='gallery-item'>\n\t\t\t<div class='gallery-icon landscape'>\n\t\t\t\t<a href='https:\/\/itayachtscanada.com\/fr\/listing\/absolute-navetta-48-2025-1799000-usd-for-sale\/capture-decran-le-2026-02-04-a-11-14-54\/'><img loading=\"lazy\" decoding=\"async\" width=\"300\" height=\"198\" src=\"https:\/\/i0.wp.com\/itayachtscanada.com\/wp-content\/uploads\/2026\/02\/Capture-decran-le-2026-02-04-a-11.14.54.jpg?fit=300%2C198&amp;ssl=1\" class=\"attachment-medium size-medium\" alt=\"\" srcset=\"https:\/\/i0.wp.com\/itayachtscanada.com\/wp-content\/uploads\/2026\/02\/Capture-decran-le-2026-02-04-a-11.14.54.jpg?w=1480&amp;ssl=1 1480w, https:\/\/i0.wp.com\/itayachtscanada.com\/wp-content\/uploads\/2026\/02\/Capture-decran-le-2026-02-04-a-11.14.54.jpg?resize=300%2C198&amp;ssl=1 300w, https:\/\/i0.wp.com\/itayachtscanada.com\/wp-content\/uploads\/2026\/02\/Capture-decran-le-2026-02-04-a-11.14.54.jpg?resize=1024%2C677&amp;ssl=1 1024w, https:\/\/i0.wp.com\/itayachtscanada.com\/wp-content\/uploads\/2026\/02\/Capture-decran-le-2026-02-04-a-11.14.54.jpg?resize=768%2C508&amp;ssl=1 768w, https:\/\/i0.wp.com\/itayachtscanada.com\/wp-content\/uploads\/2026\/02\/Capture-decran-le-2026-02-04-a-11.14.54.jpg?resize=700%2C463&amp;ssl=1 700w, https:\/\/i0.wp.com\/itayachtscanada.com\/wp-content\/uploads\/2026\/02\/Capture-decran-le-2026-02-04-a-11.14.54.jpg?resize=605%2C400&amp;ssl=1 605w, https:\/\/i0.wp.com\/itayachtscanada.com\/wp-content\/uploads\/2026\/02\/Capture-decran-le-2026-02-04-a-11.14.54.jpg?w=1400&amp;ssl=1 1400w\" sizes=\"auto, (max-width: 300px) 100vw, 300px\" data-attachment-id=\"299085\" data-permalink=\"https:\/\/itayachtscanada.com\/fr\/listing\/absolute-navetta-48-2025-1799000-usd-for-sale\/capture-decran-le-2026-02-04-a-11-14-54\/\" data-orig-file=\"https:\/\/i0.wp.com\/itayachtscanada.com\/wp-content\/uploads\/2026\/02\/Capture-decran-le-2026-02-04-a-11.14.54.jpg?fit=1480%2C978&amp;ssl=1\" data-orig-size=\"1480,978\" data-comments-opened=\"1\" data-image-meta=\"{&quot;aperture&quot;:&quot;0&quot;,&quot;credit&quot;:&quot;&quot;,&quot;camera&quot;:&quot;&quot;,&quot;caption&quot;:&quot;&quot;,&quot;created_timestamp&quot;:&quot;0&quot;,&quot;copyright&quot;:&quot;&quot;,&quot;focal_length&quot;:&quot;0&quot;,&quot;iso&quot;:&quot;0&quot;,&quot;shutter_speed&quot;:&quot;0&quot;,&quot;title&quot;:&quot;&quot;,&quot;orientation&quot;:&quot;0&quot;}\" data-image-title=\"Capture d\u2019e\u0301cran, le 2026-02-04 a\u0300 11.14.54\" data-image-description=\"\" data-image-caption=\"\" data-large-file=\"https:\/\/i0.wp.com\/itayachtscanada.com\/wp-content\/uploads\/2026\/02\/Capture-decran-le-2026-02-04-a-11.14.54.jpg?fit=700%2C463&amp;ssl=1\" \/><\/a>\n\t\t\t<\/div><\/figure><figure class='gallery-item'>\n\t\t\t<div class='gallery-icon landscape'>\n\t\t\t\t<a href='https:\/\/itayachtscanada.com\/fr\/listing\/absolute-navetta-48-2025-1799000-usd-for-sale\/capture-decran-le-2026-02-04-a-11-14-49\/'><img loading=\"lazy\" decoding=\"async\" width=\"300\" height=\"198\" src=\"https:\/\/i0.wp.com\/itayachtscanada.com\/wp-content\/uploads\/2026\/02\/Capture-decran-le-2026-02-04-a-11.14.49.jpg?fit=300%2C198&amp;ssl=1\" class=\"attachment-medium size-medium\" alt=\"\" srcset=\"https:\/\/i0.wp.com\/itayachtscanada.com\/wp-content\/uploads\/2026\/02\/Capture-decran-le-2026-02-04-a-11.14.49.jpg?w=1480&amp;ssl=1 1480w, https:\/\/i0.wp.com\/itayachtscanada.com\/wp-content\/uploads\/2026\/02\/Capture-decran-le-2026-02-04-a-11.14.49.jpg?resize=300%2C198&amp;ssl=1 300w, https:\/\/i0.wp.com\/itayachtscanada.com\/wp-content\/uploads\/2026\/02\/Capture-decran-le-2026-02-04-a-11.14.49.jpg?resize=1024%2C677&amp;ssl=1 1024w, https:\/\/i0.wp.com\/itayachtscanada.com\/wp-content\/uploads\/2026\/02\/Capture-decran-le-2026-02-04-a-11.14.49.jpg?resize=768%2C508&amp;ssl=1 768w, https:\/\/i0.wp.com\/itayachtscanada.com\/wp-content\/uploads\/2026\/02\/Capture-decran-le-2026-02-04-a-11.14.49.jpg?resize=700%2C463&amp;ssl=1 700w, https:\/\/i0.wp.com\/itayachtscanada.com\/wp-content\/uploads\/2026\/02\/Capture-decran-le-2026-02-04-a-11.14.49.jpg?resize=605%2C400&amp;ssl=1 605w, https:\/\/i0.wp.com\/itayachtscanada.com\/wp-content\/uploads\/2026\/02\/Capture-decran-le-2026-02-04-a-11.14.49.jpg?w=1400&amp;ssl=1 1400w\" sizes=\"auto, (max-width: 300px) 100vw, 300px\" data-attachment-id=\"299086\" data-permalink=\"https:\/\/itayachtscanada.com\/fr\/listing\/absolute-navetta-48-2025-1799000-usd-for-sale\/capture-decran-le-2026-02-04-a-11-14-49\/\" data-orig-file=\"https:\/\/i0.wp.com\/itayachtscanada.com\/wp-content\/uploads\/2026\/02\/Capture-decran-le-2026-02-04-a-11.14.49.jpg?fit=1480%2C978&amp;ssl=1\" data-orig-size=\"1480,978\" data-comments-opened=\"1\" data-image-meta=\"{&quot;aperture&quot;:&quot;0&quot;,&quot;credit&quot;:&quot;&quot;,&quot;camera&quot;:&quot;&quot;,&quot;caption&quot;:&quot;&quot;,&quot;created_timestamp&quot;:&quot;0&quot;,&quot;copyright&quot;:&quot;&quot;,&quot;focal_length&quot;:&quot;0&quot;,&quot;iso&quot;:&quot;0&quot;,&quot;shutter_speed&quot;:&quot;0&quot;,&quot;title&quot;:&quot;&quot;,&quot;orientation&quot;:&quot;0&quot;}\" data-image-title=\"Capture d\u2019e\u0301cran, le 2026-02-04 a\u0300 11.14.49\" data-image-description=\"\" data-image-caption=\"\" data-large-file=\"https:\/\/i0.wp.com\/itayachtscanada.com\/wp-content\/uploads\/2026\/02\/Capture-decran-le-2026-02-04-a-11.14.49.jpg?fit=700%2C463&amp;ssl=1\" \/><\/a>\n\t\t\t<\/div><\/figure><figure class='gallery-item'>\n\t\t\t<div class='gallery-icon landscape'>\n\t\t\t\t<a href='https:\/\/itayachtscanada.com\/fr\/listing\/absolute-navetta-48-2025-1799000-usd-for-sale\/capture-decran-le-2026-02-04-a-11-14-32\/'><img loading=\"lazy\" decoding=\"async\" width=\"300\" height=\"198\" src=\"https:\/\/i0.wp.com\/itayachtscanada.com\/wp-content\/uploads\/2026\/02\/Capture-decran-le-2026-02-04-a-11.14.32.jpg?fit=300%2C198&amp;ssl=1\" class=\"attachment-medium size-medium\" alt=\"\" srcset=\"https:\/\/i0.wp.com\/itayachtscanada.com\/wp-content\/uploads\/2026\/02\/Capture-decran-le-2026-02-04-a-11.14.32.jpg?w=1480&amp;ssl=1 1480w, https:\/\/i0.wp.com\/itayachtscanada.com\/wp-content\/uploads\/2026\/02\/Capture-decran-le-2026-02-04-a-11.14.32.jpg?resize=300%2C198&amp;ssl=1 300w, https:\/\/i0.wp.com\/itayachtscanada.com\/wp-content\/uploads\/2026\/02\/Capture-decran-le-2026-02-04-a-11.14.32.jpg?resize=1024%2C677&amp;ssl=1 1024w, https:\/\/i0.wp.com\/itayachtscanada.com\/wp-content\/uploads\/2026\/02\/Capture-decran-le-2026-02-04-a-11.14.32.jpg?resize=768%2C508&amp;ssl=1 768w, https:\/\/i0.wp.com\/itayachtscanada.com\/wp-content\/uploads\/2026\/02\/Capture-decran-le-2026-02-04-a-11.14.32.jpg?resize=700%2C463&amp;ssl=1 700w, https:\/\/i0.wp.com\/itayachtscanada.com\/wp-content\/uploads\/2026\/02\/Capture-decran-le-2026-02-04-a-11.14.32.jpg?resize=605%2C400&amp;ssl=1 605w, https:\/\/i0.wp.com\/itayachtscanada.com\/wp-content\/uploads\/2026\/02\/Capture-decran-le-2026-02-04-a-11.14.32.jpg?w=1400&amp;ssl=1 1400w\" sizes=\"auto, (max-width: 300px) 100vw, 300px\" data-attachment-id=\"299087\" data-permalink=\"https:\/\/itayachtscanada.com\/fr\/listing\/absolute-navetta-48-2025-1799000-usd-for-sale\/capture-decran-le-2026-02-04-a-11-14-32\/\" data-orig-file=\"https:\/\/i0.wp.com\/itayachtscanada.com\/wp-content\/uploads\/2026\/02\/Capture-decran-le-2026-02-04-a-11.14.32.jpg?fit=1480%2C978&amp;ssl=1\" data-orig-size=\"1480,978\" data-comments-opened=\"1\" data-image-meta=\"{&quot;aperture&quot;:&quot;0&quot;,&quot;credit&quot;:&quot;&quot;,&quot;camera&quot;:&quot;&quot;,&quot;caption&quot;:&quot;&quot;,&quot;created_timestamp&quot;:&quot;0&quot;,&quot;copyright&quot;:&quot;&quot;,&quot;focal_length&quot;:&quot;0&quot;,&quot;iso&quot;:&quot;0&quot;,&quot;shutter_speed&quot;:&quot;0&quot;,&quot;title&quot;:&quot;&quot;,&quot;orientation&quot;:&quot;0&quot;}\" data-image-title=\"Capture d\u2019e\u0301cran, le 2026-02-04 a\u0300 11.14.32\" data-image-description=\"\" data-image-caption=\"\" data-large-file=\"https:\/\/i0.wp.com\/itayachtscanada.com\/wp-content\/uploads\/2026\/02\/Capture-decran-le-2026-02-04-a-11.14.32.jpg?fit=700%2C463&amp;ssl=1\" \/><\/a>\n\t\t\t<\/div><\/figure><figure class='gallery-item'>\n\t\t\t<div class='gallery-icon landscape'>\n\t\t\t\t<a href='https:\/\/itayachtscanada.com\/fr\/listing\/absolute-navetta-48-2025-1799000-usd-for-sale\/capture-decran-le-2026-02-04-a-11-14-28\/'><img loading=\"lazy\" decoding=\"async\" width=\"300\" height=\"198\" src=\"https:\/\/i0.wp.com\/itayachtscanada.com\/wp-content\/uploads\/2026\/02\/Capture-decran-le-2026-02-04-a-11.14.28.jpg?fit=300%2C198&amp;ssl=1\" class=\"attachment-medium size-medium\" alt=\"\" srcset=\"https:\/\/i0.wp.com\/itayachtscanada.com\/wp-content\/uploads\/2026\/02\/Capture-decran-le-2026-02-04-a-11.14.28.jpg?w=1480&amp;ssl=1 1480w, https:\/\/i0.wp.com\/itayachtscanada.com\/wp-content\/uploads\/2026\/02\/Capture-decran-le-2026-02-04-a-11.14.28.jpg?resize=300%2C198&amp;ssl=1 300w, https:\/\/i0.wp.com\/itayachtscanada.com\/wp-content\/uploads\/2026\/02\/Capture-decran-le-2026-02-04-a-11.14.28.jpg?resize=1024%2C677&amp;ssl=1 1024w, https:\/\/i0.wp.com\/itayachtscanada.com\/wp-content\/uploads\/2026\/02\/Capture-decran-le-2026-02-04-a-11.14.28.jpg?resize=768%2C508&amp;ssl=1 768w, https:\/\/i0.wp.com\/itayachtscanada.com\/wp-content\/uploads\/2026\/02\/Capture-decran-le-2026-02-04-a-11.14.28.jpg?resize=700%2C463&amp;ssl=1 700w, https:\/\/i0.wp.com\/itayachtscanada.com\/wp-content\/uploads\/2026\/02\/Capture-decran-le-2026-02-04-a-11.14.28.jpg?resize=605%2C400&amp;ssl=1 605w, https:\/\/i0.wp.com\/itayachtscanada.com\/wp-content\/uploads\/2026\/02\/Capture-decran-le-2026-02-04-a-11.14.28.jpg?w=1400&amp;ssl=1 1400w\" sizes=\"auto, (max-width: 300px) 100vw, 300px\" data-attachment-id=\"299088\" data-permalink=\"https:\/\/itayachtscanada.com\/fr\/listing\/absolute-navetta-48-2025-1799000-usd-for-sale\/capture-decran-le-2026-02-04-a-11-14-28\/\" data-orig-file=\"https:\/\/i0.wp.com\/itayachtscanada.com\/wp-content\/uploads\/2026\/02\/Capture-decran-le-2026-02-04-a-11.14.28.jpg?fit=1480%2C978&amp;ssl=1\" data-orig-size=\"1480,978\" data-comments-opened=\"1\" data-image-meta=\"{&quot;aperture&quot;:&quot;0&quot;,&quot;credit&quot;:&quot;&quot;,&quot;camera&quot;:&quot;&quot;,&quot;caption&quot;:&quot;&quot;,&quot;created_timestamp&quot;:&quot;0&quot;,&quot;copyright&quot;:&quot;&quot;,&quot;focal_length&quot;:&quot;0&quot;,&quot;iso&quot;:&quot;0&quot;,&quot;shutter_speed&quot;:&quot;0&quot;,&quot;title&quot;:&quot;&quot;,&quot;orientation&quot;:&quot;0&quot;}\" data-image-title=\"Capture d\u2019e\u0301cran, le 2026-02-04 a\u0300 11.14.28\" data-image-description=\"\" data-image-caption=\"\" data-large-file=\"https:\/\/i0.wp.com\/itayachtscanada.com\/wp-content\/uploads\/2026\/02\/Capture-decran-le-2026-02-04-a-11.14.28.jpg?fit=700%2C463&amp;ssl=1\" \/><\/a>\n\t\t\t<\/div><\/figure><figure class='gallery-item'>\n\t\t\t<div class='gallery-icon landscape'>\n\t\t\t\t<a href='https:\/\/itayachtscanada.com\/fr\/listing\/absolute-navetta-48-2025-1799000-usd-for-sale\/capture-decran-le-2026-02-04-a-11-14-24\/'><img loading=\"lazy\" decoding=\"async\" width=\"300\" height=\"198\" src=\"https:\/\/i0.wp.com\/itayachtscanada.com\/wp-content\/uploads\/2026\/02\/Capture-decran-le-2026-02-04-a-11.14.24.jpg?fit=300%2C198&amp;ssl=1\" class=\"attachment-medium size-medium\" alt=\"\" srcset=\"https:\/\/i0.wp.com\/itayachtscanada.com\/wp-content\/uploads\/2026\/02\/Capture-decran-le-2026-02-04-a-11.14.24.jpg?w=1480&amp;ssl=1 1480w, https:\/\/i0.wp.com\/itayachtscanada.com\/wp-content\/uploads\/2026\/02\/Capture-decran-le-2026-02-04-a-11.14.24.jpg?resize=300%2C198&amp;ssl=1 300w, https:\/\/i0.wp.com\/itayachtscanada.com\/wp-content\/uploads\/2026\/02\/Capture-decran-le-2026-02-04-a-11.14.24.jpg?resize=1024%2C677&amp;ssl=1 1024w, https:\/\/i0.wp.com\/itayachtscanada.com\/wp-content\/uploads\/2026\/02\/Capture-decran-le-2026-02-04-a-11.14.24.jpg?resize=768%2C508&amp;ssl=1 768w, https:\/\/i0.wp.com\/itayachtscanada.com\/wp-content\/uploads\/2026\/02\/Capture-decran-le-2026-02-04-a-11.14.24.jpg?resize=700%2C463&amp;ssl=1 700w, https:\/\/i0.wp.com\/itayachtscanada.com\/wp-content\/uploads\/2026\/02\/Capture-decran-le-2026-02-04-a-11.14.24.jpg?resize=605%2C400&amp;ssl=1 605w, https:\/\/i0.wp.com\/itayachtscanada.com\/wp-content\/uploads\/2026\/02\/Capture-decran-le-2026-02-04-a-11.14.24.jpg?w=1400&amp;ssl=1 1400w\" sizes=\"auto, (max-width: 300px) 100vw, 300px\" data-attachment-id=\"299089\" data-permalink=\"https:\/\/itayachtscanada.com\/fr\/listing\/absolute-navetta-48-2025-1799000-usd-for-sale\/capture-decran-le-2026-02-04-a-11-14-24\/\" data-orig-file=\"https:\/\/i0.wp.com\/itayachtscanada.com\/wp-content\/uploads\/2026\/02\/Capture-decran-le-2026-02-04-a-11.14.24.jpg?fit=1480%2C978&amp;ssl=1\" data-orig-size=\"1480,978\" data-comments-opened=\"1\" data-image-meta=\"{&quot;aperture&quot;:&quot;0&quot;,&quot;credit&quot;:&quot;&quot;,&quot;camera&quot;:&quot;&quot;,&quot;caption&quot;:&quot;&quot;,&quot;created_timestamp&quot;:&quot;0&quot;,&quot;copyright&quot;:&quot;&quot;,&quot;focal_length&quot;:&quot;0&quot;,&quot;iso&quot;:&quot;0&quot;,&quot;shutter_speed&quot;:&quot;0&quot;,&quot;title&quot;:&quot;&quot;,&quot;orientation&quot;:&quot;0&quot;}\" data-image-title=\"Capture d\u2019e\u0301cran, le 2026-02-04 a\u0300 11.14.24\" data-image-description=\"\" data-image-caption=\"\" data-large-file=\"https:\/\/i0.wp.com\/itayachtscanada.com\/wp-content\/uploads\/2026\/02\/Capture-decran-le-2026-02-04-a-11.14.24.jpg?fit=700%2C463&amp;ssl=1\" \/><\/a>\n\t\t\t<\/div><\/figure><figure class='gallery-item'>\n\t\t\t<div class='gallery-icon landscape'>\n\t\t\t\t<a href='https:\/\/itayachtscanada.com\/fr\/listing\/absolute-navetta-48-2025-1799000-usd-for-sale\/capture-decran-le-2026-02-04-a-11-14-21\/'><img loading=\"lazy\" decoding=\"async\" width=\"300\" height=\"198\" src=\"https:\/\/i0.wp.com\/itayachtscanada.com\/wp-content\/uploads\/2026\/02\/Capture-decran-le-2026-02-04-a-11.14.21.jpg?fit=300%2C198&amp;ssl=1\" class=\"attachment-medium size-medium\" alt=\"\" srcset=\"https:\/\/i0.wp.com\/itayachtscanada.com\/wp-content\/uploads\/2026\/02\/Capture-decran-le-2026-02-04-a-11.14.21.jpg?w=1480&amp;ssl=1 1480w, https:\/\/i0.wp.com\/itayachtscanada.com\/wp-content\/uploads\/2026\/02\/Capture-decran-le-2026-02-04-a-11.14.21.jpg?resize=300%2C198&amp;ssl=1 300w, https:\/\/i0.wp.com\/itayachtscanada.com\/wp-content\/uploads\/2026\/02\/Capture-decran-le-2026-02-04-a-11.14.21.jpg?resize=1024%2C677&amp;ssl=1 1024w, https:\/\/i0.wp.com\/itayachtscanada.com\/wp-content\/uploads\/2026\/02\/Capture-decran-le-2026-02-04-a-11.14.21.jpg?resize=768%2C508&amp;ssl=1 768w, https:\/\/i0.wp.com\/itayachtscanada.com\/wp-content\/uploads\/2026\/02\/Capture-decran-le-2026-02-04-a-11.14.21.jpg?resize=700%2C463&amp;ssl=1 700w, https:\/\/i0.wp.com\/itayachtscanada.com\/wp-content\/uploads\/2026\/02\/Capture-decran-le-2026-02-04-a-11.14.21.jpg?resize=605%2C400&amp;ssl=1 605w, https:\/\/i0.wp.com\/itayachtscanada.com\/wp-content\/uploads\/2026\/02\/Capture-decran-le-2026-02-04-a-11.14.21.jpg?w=1400&amp;ssl=1 1400w\" sizes=\"auto, (max-width: 300px) 100vw, 300px\" data-attachment-id=\"299090\" data-permalink=\"https:\/\/itayachtscanada.com\/fr\/listing\/absolute-navetta-48-2025-1799000-usd-for-sale\/capture-decran-le-2026-02-04-a-11-14-21\/\" data-orig-file=\"https:\/\/i0.wp.com\/itayachtscanada.com\/wp-content\/uploads\/2026\/02\/Capture-decran-le-2026-02-04-a-11.14.21.jpg?fit=1480%2C978&amp;ssl=1\" data-orig-size=\"1480,978\" data-comments-opened=\"1\" data-image-meta=\"{&quot;aperture&quot;:&quot;0&quot;,&quot;credit&quot;:&quot;&quot;,&quot;camera&quot;:&quot;&quot;,&quot;caption&quot;:&quot;&quot;,&quot;created_timestamp&quot;:&quot;0&quot;,&quot;copyright&quot;:&quot;&quot;,&quot;focal_length&quot;:&quot;0&quot;,&quot;iso&quot;:&quot;0&quot;,&quot;shutter_speed&quot;:&quot;0&quot;,&quot;title&quot;:&quot;&quot;,&quot;orientation&quot;:&quot;0&quot;}\" data-image-title=\"Capture d\u2019e\u0301cran, le 2026-02-04 a\u0300 11.14.21\" data-image-description=\"\" data-image-caption=\"\" data-large-file=\"https:\/\/i0.wp.com\/itayachtscanada.com\/wp-content\/uploads\/2026\/02\/Capture-decran-le-2026-02-04-a-11.14.21.jpg?fit=700%2C463&amp;ssl=1\" \/><\/a>\n\t\t\t<\/div><\/figure><figure class='gallery-item'>\n\t\t\t<div class='gallery-icon landscape'>\n\t\t\t\t<a href='https:\/\/itayachtscanada.com\/fr\/listing\/absolute-navetta-48-2025-1799000-usd-for-sale\/capture-decran-le-2026-02-04-a-11-14-17\/'><img loading=\"lazy\" decoding=\"async\" width=\"300\" height=\"198\" src=\"https:\/\/i0.wp.com\/itayachtscanada.com\/wp-content\/uploads\/2026\/02\/Capture-decran-le-2026-02-04-a-11.14.17.jpg?fit=300%2C198&amp;ssl=1\" class=\"attachment-medium size-medium\" alt=\"\" srcset=\"https:\/\/i0.wp.com\/itayachtscanada.com\/wp-content\/uploads\/2026\/02\/Capture-decran-le-2026-02-04-a-11.14.17.jpg?w=1480&amp;ssl=1 1480w, https:\/\/i0.wp.com\/itayachtscanada.com\/wp-content\/uploads\/2026\/02\/Capture-decran-le-2026-02-04-a-11.14.17.jpg?resize=300%2C198&amp;ssl=1 300w, https:\/\/i0.wp.com\/itayachtscanada.com\/wp-content\/uploads\/2026\/02\/Capture-decran-le-2026-02-04-a-11.14.17.jpg?resize=1024%2C677&amp;ssl=1 1024w, https:\/\/i0.wp.com\/itayachtscanada.com\/wp-content\/uploads\/2026\/02\/Capture-decran-le-2026-02-04-a-11.14.17.jpg?resize=768%2C508&amp;ssl=1 768w, https:\/\/i0.wp.com\/itayachtscanada.com\/wp-content\/uploads\/2026\/02\/Capture-decran-le-2026-02-04-a-11.14.17.jpg?resize=700%2C463&amp;ssl=1 700w, https:\/\/i0.wp.com\/itayachtscanada.com\/wp-content\/uploads\/2026\/02\/Capture-decran-le-2026-02-04-a-11.14.17.jpg?resize=605%2C400&amp;ssl=1 605w, https:\/\/i0.wp.com\/itayachtscanada.com\/wp-content\/uploads\/2026\/02\/Capture-decran-le-2026-02-04-a-11.14.17.jpg?w=1400&amp;ssl=1 1400w\" sizes=\"auto, (max-width: 300px) 100vw, 300px\" data-attachment-id=\"299091\" data-permalink=\"https:\/\/itayachtscanada.com\/fr\/listing\/absolute-navetta-48-2025-1799000-usd-for-sale\/capture-decran-le-2026-02-04-a-11-14-17\/\" data-orig-file=\"https:\/\/i0.wp.com\/itayachtscanada.com\/wp-content\/uploads\/2026\/02\/Capture-decran-le-2026-02-04-a-11.14.17.jpg?fit=1480%2C978&amp;ssl=1\" data-orig-size=\"1480,978\" data-comments-opened=\"1\" data-image-meta=\"{&quot;aperture&quot;:&quot;0&quot;,&quot;credit&quot;:&quot;&quot;,&quot;camera&quot;:&quot;&quot;,&quot;caption&quot;:&quot;&quot;,&quot;created_timestamp&quot;:&quot;0&quot;,&quot;copyright&quot;:&quot;&quot;,&quot;focal_length&quot;:&quot;0&quot;,&quot;iso&quot;:&quot;0&quot;,&quot;shutter_speed&quot;:&quot;0&quot;,&quot;title&quot;:&quot;&quot;,&quot;orientation&quot;:&quot;0&quot;}\" data-image-title=\"Capture d\u2019e\u0301cran, le 2026-02-04 a\u0300 11.14.17\" data-image-description=\"\" data-image-caption=\"\" data-large-file=\"https:\/\/i0.wp.com\/itayachtscanada.com\/wp-content\/uploads\/2026\/02\/Capture-decran-le-2026-02-04-a-11.14.17.jpg?fit=700%2C463&amp;ssl=1\" \/><\/a>\n\t\t\t<\/div><\/figure><figure class='gallery-item'>\n\t\t\t<div class='gallery-icon landscape'>\n\t\t\t\t<a href='https:\/\/itayachtscanada.com\/fr\/listing\/absolute-navetta-48-2025-1799000-usd-for-sale\/capture-decran-le-2026-02-04-a-11-14-07\/'><img loading=\"lazy\" decoding=\"async\" width=\"300\" height=\"198\" src=\"https:\/\/i0.wp.com\/itayachtscanada.com\/wp-content\/uploads\/2026\/02\/Capture-decran-le-2026-02-04-a-11.14.07.jpg?fit=300%2C198&amp;ssl=1\" class=\"attachment-medium size-medium\" alt=\"\" srcset=\"https:\/\/i0.wp.com\/itayachtscanada.com\/wp-content\/uploads\/2026\/02\/Capture-decran-le-2026-02-04-a-11.14.07.jpg?w=1480&amp;ssl=1 1480w, https:\/\/i0.wp.com\/itayachtscanada.com\/wp-content\/uploads\/2026\/02\/Capture-decran-le-2026-02-04-a-11.14.07.jpg?resize=300%2C198&amp;ssl=1 300w, https:\/\/i0.wp.com\/itayachtscanada.com\/wp-content\/uploads\/2026\/02\/Capture-decran-le-2026-02-04-a-11.14.07.jpg?resize=1024%2C677&amp;ssl=1 1024w, https:\/\/i0.wp.com\/itayachtscanada.com\/wp-content\/uploads\/2026\/02\/Capture-decran-le-2026-02-04-a-11.14.07.jpg?resize=768%2C508&amp;ssl=1 768w, https:\/\/i0.wp.com\/itayachtscanada.com\/wp-content\/uploads\/2026\/02\/Capture-decran-le-2026-02-04-a-11.14.07.jpg?resize=700%2C463&amp;ssl=1 700w, https:\/\/i0.wp.com\/itayachtscanada.com\/wp-content\/uploads\/2026\/02\/Capture-decran-le-2026-02-04-a-11.14.07.jpg?resize=605%2C400&amp;ssl=1 605w, https:\/\/i0.wp.com\/itayachtscanada.com\/wp-content\/uploads\/2026\/02\/Capture-decran-le-2026-02-04-a-11.14.07.jpg?w=1400&amp;ssl=1 1400w\" sizes=\"auto, (max-width: 300px) 100vw, 300px\" data-attachment-id=\"299092\" data-permalink=\"https:\/\/itayachtscanada.com\/fr\/listing\/absolute-navetta-48-2025-1799000-usd-for-sale\/capture-decran-le-2026-02-04-a-11-14-07\/\" data-orig-file=\"https:\/\/i0.wp.com\/itayachtscanada.com\/wp-content\/uploads\/2026\/02\/Capture-decran-le-2026-02-04-a-11.14.07.jpg?fit=1480%2C978&amp;ssl=1\" data-orig-size=\"1480,978\" data-comments-opened=\"1\" data-image-meta=\"{&quot;aperture&quot;:&quot;0&quot;,&quot;credit&quot;:&quot;&quot;,&quot;camera&quot;:&quot;&quot;,&quot;caption&quot;:&quot;&quot;,&quot;created_timestamp&quot;:&quot;0&quot;,&quot;copyright&quot;:&quot;&quot;,&quot;focal_length&quot;:&quot;0&quot;,&quot;iso&quot;:&quot;0&quot;,&quot;shutter_speed&quot;:&quot;0&quot;,&quot;title&quot;:&quot;&quot;,&quot;orientation&quot;:&quot;0&quot;}\" data-image-title=\"Capture d\u2019e\u0301cran, le 2026-02-04 a\u0300 11.14.07\" data-image-description=\"\" data-image-caption=\"\" data-large-file=\"https:\/\/i0.wp.com\/itayachtscanada.com\/wp-content\/uploads\/2026\/02\/Capture-decran-le-2026-02-04-a-11.14.07.jpg?fit=700%2C463&amp;ssl=1\" \/><\/a>\n\t\t\t<\/div><\/figure>\n\t\t<\/div>\n\n<div class=\"jetpack-video-wrapper\"><span class=\"embed-youtube\" style=\"text-align:center; display: block;\"><iframe loading=\"lazy\" class=\"youtube-player\" width=\"700\" height=\"394\" src=\"https:\/\/www.youtube.com\/embed\/1ytTvf2XYVE?version=3&#038;rel=1&#038;showsearch=0&#038;showinfo=1&#038;iv_load_policy=1&#038;fs=1&#038;hl=fr-FR&#038;autohide=2&#038;wmode=transparent\" allowfullscreen=\"true\" style=\"border:0;\" sandbox=\"allow-scripts allow-same-origin allow-popups allow-presentation allow-popups-to-escape-sandbox\"><\/iframe><\/span><\/div>\n<div class=\"jetpack-video-wrapper\"><span class=\"embed-youtube\" style=\"text-align:center; display: block;\"><iframe loading=\"lazy\" class=\"youtube-player\" width=\"700\" height=\"394\" src=\"https:\/\/www.youtube.com\/embed\/XbZY06mUtE0?version=3&#038;rel=1&#038;showsearch=0&#038;showinfo=1&#038;iv_load_policy=1&#038;fs=1&#038;hl=fr-FR&#038;autohide=2&#038;wmode=transparent\" allowfullscreen=\"true\" style=\"border:0;\" sandbox=\"allow-scripts allow-same-origin allow-popups allow-presentation allow-popups-to-escape-sandbox\"><\/iframe><\/span><\/div>\n<div class=\"jetpack-video-wrapper\"><span class=\"embed-youtube\" style=\"text-align:center; display: block;\"><iframe loading=\"lazy\" class=\"youtube-player\" width=\"700\" height=\"394\" src=\"https:\/\/www.youtube.com\/embed\/5jRCwFr-CIY?version=3&#038;rel=1&#038;showsearch=0&#038;showinfo=1&#038;iv_load_policy=1&#038;fs=1&#038;hl=fr-FR&#038;autohide=2&#038;wmode=transparent\" allowfullscreen=\"true\" style=\"border:0;\" sandbox=\"allow-scripts allow-same-origin allow-popups allow-presentation allow-popups-to-escape-sandbox\"><\/iframe><\/span><\/div>\n<\/div>\n<\/div>\n<\/div>\n<\/div>\n<\/div>\n<\/div>\n<\/div>\n<\/div>\n<\/div>\n<\/div>\n<\/div>\n<div>\n<div class=\"content-header\">\n<div><\/div>\n<div><\/div>\n<div>\n<p>&nbsp;<\/p>\n<p><strong>Ita Yachts Canada propose de vous assister et de voir \u00e0 vos int\u00e9r\u00eats pour l\u2019achat de ce yacht qui est \u00e0 vendre par une autre organisation. Nous serons pr\u00e9sents lors de l\u2019inspection et tout au long de la transaction et ce peu importe sa localisation. L\u2019\u00e9quipe d\u2019Ita Yachts Canada se soumet au plus haut standard d\u2019\u00e9thique.<\/strong><\/p>\n<p>&nbsp;<\/p>\n<\/div>\n<div>\u00c9quipement standard selon la fiche de commande d&rsquo;usine:<\/div>\n<div>Climatisation dans la quatri\u00e8me cabine arri\u00e8re 50\/60 Hz avec unit\u00e9 split<br \/>\nAncre en acier inoxydable Ultra (77 lb) avec cha\u00eene anti-encrassement et twister<br \/>\nCable Master (2 x 50 amp\u00e8res) avec t\u00e9l\u00e9commande<br \/>\nPropulseur d&rsquo;\u00e9trave proportionnel \u00e0 action progressive &#8211; commandes sur le pont principal et le flybridge<br \/>\nProjecteur &#8211; commandes sur le pont principal et le flybridge<br \/>\nBarbecue dans le bar humide du flybridge<br \/>\nMachine \u00e0 gla\u00e7ons avec r\u00e9servoir int\u00e9gr\u00e9 dans le meuble du flybridge<br \/>\nR\u00e9frig\u00e9rateur dans le meuble du flybridge<br \/>\nPack \u00e9clairage (\u00e9clairage de courtoisie au sol sur le pont et le flybridge, lampes de lecture dans la cabine VIP et la cabine centrale, \u00e9clairage d\u00e9coratif pour les miroirs et les cadres de lit)<br \/>\n\u00c9clairage sous-marin multicolore RGBW (deux) avec affichage pour le r\u00e9glage de l&rsquo;intensit\u00e9 et de la teinte<br \/>\n\u00c9clairage d\u00e9coratif r\u00e9tractable \u00e0 l&rsquo;avant (4)<br \/>\nNettoyage du pont \u00e0 l&rsquo;eau douce et raccordement au quai<br \/>\nPlateforme hydraulique (capacit\u00e9 de levage de 661 lb) avec plancher recouvert de teck massif et escalier d&rsquo;acc\u00e8s automatique int\u00e9gr\u00e9 \u00e0 la plateforme<br \/>\nPorte \u00e0 ouverture manuelle pour acc\u00e9der au poste de pilotage depuis la passerelle tribord, avec fen\u00eatre manuelle int\u00e9gr\u00e9e<br \/>\nVolant avec rayons en acier et cuir sur le pont principal, et cuir hydrofuge sur le flybridge<br \/>\nLave-linge\/s\u00e8che-linge dans le compartiment de rangement arri\u00e8re ou dans la quatri\u00e8me cabine arri\u00e8re<br \/>\nPrise \u00e9tanche plac\u00e9e dans le cockpit<br \/>\nGyroscope Seakeeper 6<br \/>\nTreuils d&rsquo;amarrage (2) avec interrupteur \u00e0 pied dans un bo\u00eetier avec \u00e9clairage<br \/>\nCoffre-fort dans la cabine principale<br \/>\nCave \u00e0 vin dans le salon (24 V)<\/div>\n<div>Quatri\u00e8me cabine avec porte d&rsquo;acc\u00e8s moul\u00e9e depuis la plate-forme, \u00e9quip\u00e9e d&rsquo;un lit, de meubles en ch\u00eane clair, d&rsquo;une armoire avec miroir, d&rsquo;un hublot ouvrant, d&rsquo;une large fen\u00eatre, d&rsquo;un lavabo avec sol en HPL, de toilettes, d&rsquo;un acc\u00e8s ind\u00e9pendant depuis la plate-forme et d&rsquo;une alarme de porte ouverte sur le tableau de bord.<br \/>\nToiles ext\u00e9rieurs<br \/>\nToit rigide en fibre de verre gris clair, avec plafond en fibre de verre blanc et bandes LED \u00e0 intensit\u00e9 variable.<br \/>\nPare-soleil \u00e9lectrique dans le cockpit.<br \/>\nHousses de couleur gris perle pour le bar, les canap\u00e9s et la table du flybridge et pour le canap\u00e9 du cockpit.<br \/>\nAuvent pour le canap\u00e9 avant et le bain de soleil avec poteaux t\u00e9lescopiques en aluminium noir.<\/div>\n<div>\u00c9quipement \u00e9lectronique<br \/>\nAncre num\u00e9rique Volvo DPS.<br \/>\nCompteur de cha\u00eene d&rsquo;ancre sur le tableau de bord du flybridge et du pont principal.<br \/>\nRadar \u00e0 technologie \u00e0 semi-conducteurs.<br \/>\nInstruments \u00e9lectroniques\/de navigation : \u00c9metteur-r\u00e9cepteur AIS de classe B<br \/>\nCam\u00e9ras dans la salle des machines et dans le cockpit<br \/>\nKit anticorrosion Volvo ACP<br \/>\n\u00c9crans de traceur de cartes GPS Garmin 16 pouces (2) au poste de pilotage inf\u00e9rieur<br \/>\n\u00c9crans de traceur de cartes GPS Garmin (2) sur le flybridge<br \/>\nSon &#8211; Vid\u00e9o<br \/>\nRadio st\u00e9r\u00e9o fusion avec entr\u00e9e num\u00e9rique optique pour connecter la radio \u00e0 la t\u00e9l\u00e9vision, avec port USB et connexion Bluetooth, connect\u00e9e \u00e0 quatre haut-parleurs et un caisson de basses dans le salon, avec fonction mode f\u00eate<br \/>\nM\u00e9canisme \u00e9lectrique de levage de t\u00e9l\u00e9vision dans le salon<\/div>\n<div>Mobilier d&rsquo;ext\u00e9rieur<\/div>\n<div>Coussins de bain de soleil couleur \u00e9cru en mousse \u00e0 drainage rapide, avec housse gris perle.<br \/>\nHaut-parleurs avec t\u00e9l\u00e9commande fixe et r\u00e9glage local du volume pour le syst\u00e8me audio connect\u00e9 \u00e0 la radio sur le flybridge.<br \/>\nCoussin amovible pour bain de soleil \u00e0 l&rsquo;avant, avec fonctions dossier et appui-t\u00eate.<br \/>\nEscalier du flybridge recouvert de teck massif.<br \/>\nTable en teck naturel dans le cockpit avec housse<br \/>\nAssise amortissante pour le si\u00e8ge conducteur du flybridge<br \/>\nD\u00e9flecteur en plexiglas r\u00e9glable en hauteur pour le tableau de bord du flybridge<\/div>\n<div>Mobilier int\u00e9rieur<br \/>\nStores romains tiss\u00e9s \u00e0 la main dans les cabines du pont principal et du pont inf\u00e9rieur<br \/>\nSols des cabines du pont inf\u00e9rieur en ch\u00eane durmast tiss\u00e9 couleur pierre<br \/>\nParquet en ch\u00eane durmast tiss\u00e9 couleur pierre dans le salon, la cuisine, les escaliers et le couloir<br \/>\nPouf pour la coiffeuse dans la cabine principale \u00e0 l&rsquo;avant<br \/>\nService de vaisselle, couverts, tasses et verres<br \/>\nCouvre-lits couleur \u00e9cru, draps blanc cass\u00e9 et oreillers dans les cabines du pont inf\u00e9rieur<br \/>\nStores manuels pour les hublots et les fen\u00eatres de la cabine principale \u00e0 l&rsquo;avant, de la cabine arri\u00e8re tribord et de la cabine VIP<br \/>\nCoiffeuse avec si\u00e8ge, miroirs et \u00e9clairage d\u00e9di\u00e9 dans la cabine arri\u00e8re gauche<\/div>\n<div>Options suppl\u00e9mentaires<br \/>\nStores manuels \u00e0 enrouleur pour plus d&rsquo;intimit\u00e9 &#8211; gris clair<br \/>\nEspace d&#8217;embarquement b\u00e2bord et tribord<br \/>\nTables en teck brillant dans le cockpit et sur le flybridge<br \/>\nContr\u00f4leur de yacht<br \/>\nSyst\u00e8me de gestion des salissures biologiques Sonihull<\/div>\n<div><\/div>\n<\/div>\n<\/div>\n<div>\n<div class=\"html-content-description\">\n<p>&nbsp;<\/p>\n<p><strong><span style=\"color: black;\">AVIS DE NON-RESPONSABILIT\u00c9<\/span><\/strong><\/p>\n<p><strong><span style=\"color: black; font-weight: normal;\">Le bateau qui est pr\u00e9sent\u00e9 sur cette page, l\u2019est uniquement \u00e0 titre d\u2019information et n\u2019est pas n\u00e9cessairement toujours disponible \u00e0 la vente et\/ou \u00e0 la location.<\/span><\/strong><span class=\"apple-converted-space\"><b><span style=\"color: black;\">\u00a0<\/span><\/b><\/span><strong><span style=\"color: black; font-weight: normal;\">Ce bateau est peut-\u00eatre offert sous r\u00e9serve, il faut v\u00e9rifier sa disponibilit\u00e9.<\/span><\/strong><span class=\"apple-converted-space\"><b><span style=\"color: black;\">\u00a0<\/span><\/b><\/span><strong><span style=\"color: black; font-weight: normal;\">\u00a0Ce document ou cette annonce n\u2019est pas contractuel. Les informations sur les bateaux affich\u00e9es dans les r\u00e9sultats ci-dessus sont pr\u00e9sent\u00e9es en toute bonne foi et, bien qu\u2019elles soient consid\u00e9r\u00e9es comme correctes, elles ne sont pas garanties. Ita Yachts Canada ne garantit pas et n\u2019assume aucune responsabilit\u00e9 l\u00e9gale ou responsabilit\u00e9 pour l\u2019exactitude, l\u2019exhaustivit\u00e9 ou l\u2019utilit\u00e9 des informations et\/ou des images affich\u00e9es, car elles peuvent ne pas \u00eatre \u00e0 jour ou encore \u00eatres des images d\u2019un bateau comparable. Toutes les informations sur les bateaux peuvent \u00eatre modifi\u00e9es sans pr\u00e9avis et sont sans garantie.<\/span><\/strong><span class=\"apple-converted-space\"><b><span style=\"color: black;\">\u00a0<\/span><\/b><\/span><strong><span style=\"color: black; font-weight: normal;\">Ce bateau est peut-\u00eatre offert par un autre courtier ouvert au co-courtage (co-brokerage).<\/span><\/strong><\/p>\n<p>&nbsp;<\/p>\n<div data-test='contact-form'\n\t\t\tid='contact-form-299024'\n\t\t\tclass='jetpack-contact-form-container '\n\t\t\tdata-wp-interactive='jetpack\/form' data-wp-context='{\"formId\":\"299024\",\"formHash\":\"1fd9028264eef93333ef8fd8c7656f09f56a5e99\",\"showErrors\":false,\"errors\":[],\"fields\":[],\"isMultiStep\":false,\"useAjax\":false,\"submissionData\":null,\"formattedSubmissionData\":[],\"submissionSuccess\":false,\"submissionError\":null,\"elementId\":\"jp-form-1fd9028264eef93333ef8fd8c7656f09f56a5e99\",\"isSingleInputForm\":false,\"isForcedHorizontal\":false}'\n\t\t\tdata-wp-watch--scroll-to-wrapper=\"callbacks.scrollToWrapper\"\n\t\t>\n<div class=\"contact-form-submission contact-form-ajax-submission\" data-wp-bind--aria-hidden=\"state.isSuccessMessageAriaHidden\" data-wp-class--submission-success=\"context.submissionSuccess\" id=\"contact-form-success-1fd9028264eef93333ef8fd8c7656f09f56a5e99\" tabindex=\"-1\" aria-labelledby=\"contact-form-success-header-1fd9028264eef93333ef8fd8c7656f09f56a5e99\"><p class=\"go-back-message\"><a class=\"link\" role=\"button\" tabindex=\"0\" data-wp-on--click=\"actions.goBack\" href=\"\/fr\/wp-json\/wp\/v2\/listing\/299024\">\u2190 Retour<\/a><\/p><h4 data-wp-bind--aria-hidden=\"state.isSuccessMessageAriaHidden\" id=\"contact-form-success-header-1fd9028264eef93333ef8fd8c7656f09f56a5e99\">Merci pour votre r\u00e9ponse. \u2728<\/h4>\n\n<template data-wp-each--submission=\"context.formattedSubmissionData\">\n\t\t\t\t\t<div class=\"jetpack_forms_contact-form-success-summary\">\n\t\t\t\t\t\t<div class=\"field-name-wrapper\">\n\t\t\t\t\t\t\t<div class=\"field-type-icon\" data-wp-watch=\"callbacks.watchFieldTypeIcon\"><\/div>\n\t\t\t\t\t\t\t<div class=\"field-name\" data-wp-text=\"context.submission.label\" data-wp-bind--hidden=\"!context.submission.label\"><\/div>\n\t\t\t\t\t\t<\/div>\n\t\t\t\t\t\t<div class=\"field-value\" data-wp-text=\"context.submission.value\" data-wp-bind--hidden=\"!context.submission.showPlainValue\"><\/div>\n\t\t\t\t\t\t<a class=\"field-url\" data-wp-bind--href=\"context.submission.url\" data-wp-text=\"context.submission.value\" data-wp-bind--hidden=\"!context.submission.url\" target=\"_blank\" rel=\"noopener noreferrer\"><\/a>\n\t\t\t\t\t\t<div class=\"field-rating\" data-wp-bind--hidden=\"!context.submission.rating\" data-wp-watch=\"callbacks.watchRatingIcons\"><\/div>\n\t\t\t\t\t\t<div class=\"field-images\" data-wp-bind--hidden=\"!context.submission.images\">\n\t\t\t\t\t\t\t<template data-wp-each--image=\"context.submission.images\">\n\t\t\t\t\t\t\t\t<div class=\"field-image-option\" data-wp-class--is-empty=\"!context.image.src\">\n\t\t\t\t\t\t\t\t\t<figure class=\"field-image-option__image\" data-wp-class--is-empty=\"!context.image.src\">\n\t\t\t\t\t\t\t\t\t\t<img data-wp-bind--src=\"context.image.src\" data-wp-bind--hidden=\"!context.image.src\" \/>\n\t\t\t\t\t\t\t\t\t\t<img decoding=\"async\" src=\"data:image\/gif;base64,R0lGODlhAQABAAD\/ACwAAAAAAQABAAACADs=\" data-wp-bind--hidden=\"context.image.src\" \/>\n\t\t\t\t\t\t\t\t\t<\/figure>\n\t\t\t\t\t\t\t\t\t<div class=\"field-image-option__label-wrapper\">\n\t\t\t\t\t\t\t\t\t\t<span class=\"field-image-option__label-code\" data-wp-text=\"context.image.letterCode\"><\/span>\n\t\t\t\t\t\t\t\t\t\t<span class=\"field-image-option__label\" data-wp-text=\"context.image.label\" data-wp-bind--hidden=\"!context.image.label\"><\/span>\n\t\t\t\t\t\t\t\t\t<\/div>\n\t\t\t\t\t\t\t\t<\/div>\n\t\t\t\t\t\t\t<\/template>\n\t\t\t\t\t\t<\/div>\n\t\t\t\t\t\t<div class=\"field-files\" data-wp-bind--hidden=\"!context.submission.files\">\n\t\t\t\t\t\t\t<template data-wp-each--file=\"context.submission.files\">\n\t\t\t\t\t\t\t\t<div class=\"field-file\">\n\t\t\t\t\t\t\t\t\t<div class=\"field-file__thumbnail\" data-wp-style--background-image=\"context.file.previewUrl\" data-wp-style--mask-image=\"context.file.iconUrl\" data-wp-bind--hidden=\"!context.file.hasPreview\"><\/div>\n\t\t\t\t\t\t\t\t\t<svg class=\"field-file__icon\" data-wp-bind--hidden=\"context.file.hasPreview\" width=\"20\" height=\"20\" viewBox=\"0 0 24 24\" fill=\"none\" xmlns=\"http:\/\/www.w3.org\/2000\/svg\" aria-hidden=\"true\">\n\t\t\t\t\t\t\t\t\t\t<path d=\"M14 2H6C4.9 2 4 2.9 4 4V20C4 21.1 4.89 22 5.99 22H18C19.1 22 20 21.1 20 20V8L14 2ZM18 20H6V4H13V9H18V20Z\" fill=\"currentColor\"\/>\n\t\t\t\t\t\t\t\t\t<\/svg>\n\t\t\t\t\t\t\t\t\t<span class=\"field-file__name\" data-wp-text=\"context.file.name\"><\/span>\n\t\t\t\t\t\t\t\t\t<span class=\"field-file__size\" data-wp-text=\"context.file.size\"><\/span>\n\t\t\t\t\t\t\t\t<\/div>\n\t\t\t\t\t\t\t<\/template>\n\t\t\t\t\t\t<\/div>\n\t\t\t\t\t<\/div>\n\t\t\t\t<\/template><\/div><form action='https:\/\/itayachtscanada.com\/fr\/listing\/absolute-navetta-48-2025-1799000-usd-for-sale\/'\n\t\t\t\tid='jp-form-1fd9028264eef93333ef8fd8c7656f09f56a5e99'\n\t\t\t\tmethod='post'\n\t\t\t\tclass='contact-form commentsblock jetpack-contact-form__form has-no-jetpack-form-layout' aria-label=\"{:en}Absolute Navetta 48 2025 $1,799,000 usd for sale{:}{:fr}Absolute Navetta 48 2025 $1,799,000 usd \u00e0 vendre{:}\"\n\t\t\t\tdata-wp-on--submit=\"actions.onFormSubmit\"\n\t\t\t\tdata-wp-on--reset=\"actions.onFormReset\"\n\t\t\t\tdata-wp-class--submission-success=\"context.submissionSuccess\"\n\t\t\t\tdata-wp-class--is-first-step=\"state.isFirstStep\"\n\t\t\t\tdata-wp-class--is-last-step=\"state.isLastStep\"\n\t\t\t\tdata-wp-class--is-ajax-form=\"context.useAjax\"\n\t\t\t\tnovalidate >\n<input type='hidden' name='jetpack_contact_form_jwt' value='eyJ0eXAiOiJKV1QiLCJhbGciOiJIUzI1NiJ9.eyJlbmNyeXB0ZWRfYXR0cmlidXRlcyI6IjhVTXNnNVp0V3hIV0k5SEhTTk9zQTRBcmNOV0hTQy9pYzVaSUlFL0NDeUQ2WDR6WlFCeVRvWVlmK3FvRWlZRFp4blZ2NzhTKzlNNzJsOW94VHFhdGhNNXBabWFUcjc3Umk3NEdVWXZZTy8xS0M3MUdTVkdmK0dmTkUyVzY3RlJMdW9WNjN3aFVhZEVuZlRaRlp4Y0FWYmJ3U2p3Nmp2MVY2eW1iOFAzT2pWYzgrSFFnNkVwYklFYUYvaklPdWhuckRnZkFTV0d3eS9acU5NR0J1cDFKSGxDQU1nMXJHREhNUE5jdlN0UGlNMHBBVlB0dFc4S2dsbU0wUFdHOEJXWXJwck9vN3JsdURGbUthd1VqVXY0WjNhQVhmMnJwcVg2SGNXajVVazVua1NqK1BqSG9BYm9Md1BKbEQzY2VUZUNuS1kxTDZGOWhJQzhsS1NLZkxBeFhBQVo0bkxnUkpwbkxyYlpqNFlJWE1hYzU4VUdSQStreWdZTXhHY255cEY1UzJyRVMzYXZWcmtYSlMxcW1MYWRXdnFCT2ZqWHkreVFtUjdEM1VJbmlZN3dHejNVNHB0c2p2S0dGSXNZUXZOT1Z3N1RCcVdJU2lLaEdUWUlVWEpyNzlNeFkzRDFJTHlySWluU1RPL2RuM1NwSENsRzFKRGVCekVocG1BaFJpNmdaYVpxbGhBblk2STRTamlFbUxsSUxYQVdHUjM3aWVwTUpQK2hPazVJblJBTEJCSDBzZ1RkQzNkZ3hJdTN0VW5ucXVGcEdHWUtGTE5DcXBtN1JBRmRtL25aMDV3bHl2MC9xNnkrUXR5Z0FBOUZueHpDVDZCQkNETmVrQ2hHajFRRmErOUQrUVc0bU4zanh0VDBZNHVCN2tNd2VpSE81VHlWWDZQbDd2YlAwTmJkb3I3R1NUNmRsbEFjNkhVd0x2UE1Td0JuZTBGcmozQSszbWV5S3JVTnpCcjM5T01wTUNNdlh0eVNVbVhCMG9FeXFuOGF1STgxSUVOMlVYdng2V2tDazhoaGFiOEF2MTNWSC9PUFNrbUd1N1FUdVgzaVpPSGZzZElzcHZOOTBhcDdrSXJONVg3SUFTcmxKdGRWZDREWVVweitxa0RRbkFQLzJMMXYvdkl1TXAzcTF2Wllmc0VDejBoZERqU2d1cGgwbjNBVzN0bnp1RytLRnNXU1N2czZBdkVLTlQ0UE5nU3BUTlhTQnFLTXhFUmI2R3lST3R5ekU1TTVINzFrN0JreWxNYnNjYjEzemVLSlNhNWk5UE9UMmkxeURXTjIrZGdOL2NKTDNMUHpaMUE9PSIsImNvbnRlbnQiOiJbY29udGFjdC1maWVsZCBsYWJlbD1cIk5vbTpcIiB0eXBlPVwibmFtZVwiIHJlcXVpcmVkPVwiMVwiXVtjb250YWN0LWZpZWxkIGxhYmVsPVwiRS1tYWlsXCIgdHlwZT1cImVtYWlsXCIgcmVxdWlyZWQ9XCIxXCJdW2NvbnRhY3QtZmllbGQgbGFiZWw9XCJBdSBzdWpldCBkZSBjZSB5YWNodCA6IFwiIHR5cGU9XCJ0ZXh0XCJdW2NvbnRhY3QtZmllbGQgbGFiZWw9XCJNZXNzYWdlXCIgdHlwZT1cInRleHRhcmVhXCJdIiwiaGFzaCI6IjFmZDkwMjgyNjRlZWY5MzMzM2VmOGZkOGM3NjU2ZjA5ZjU2YTVlOTkiLCJzb3VyY2UiOnsiZW50cnlfdGl0bGUiOiJBYnNvbHV0ZSBOYXZldHRhIDQ4IDIwMjUgJDEsNzk5LDAwMCB1c2QgXHUwMGUwIHZlbmRyZSIsImVudHJ5X3BhZ2UiOjEsInNvdXJjZV9pZCI6Mjk5MDI0LCJzb3VyY2VfdHlwZSI6InNpbmdsZSIsInJlcXVlc3RfdXJsIjoiaHR0cHM6Ly9pdGF5YWNodHNjYW5hZGEuY29tL2ZyL3dwLWpzb24vd3AvdjIvbGlzdGluZy8yOTkwMjQifSwidmVyc2lvbiI6MiwiY2lwaGVyIjoiYWVzLTI1Ni1nY20ifQ.niLzdUkf4A4NgwA8UoGtdTCNw07CIrWnTUz1uUZWFr8' \/>\n\n<div style=\"\"  data-wp-interactive=\"jetpack\/form\" data-wp-context='{\"fieldId\":\"g299024-nom\",\"fieldType\":\"name\",\"fieldLabel\":\"Nom:\",\"fieldValue\":\"\",\"fieldPlaceholder\":\"\",\"fieldIsRequired\":\"1\",\"fieldErrorMessage\":\"\",\"fieldExtra\":[],\"formHash\":\"1fd9028264eef93333ef8fd8c7656f09f56a5e99\"}'  class='grunion-field-name-wrap grunion-field-wrap'  data-wp-init='callbacks.initializeField' data-wp-on--jetpack-form-reset='callbacks.initializeField' >\n<label\n\t\t\t\tfor='g299024-nom' class=\"grunion-field-label name\" >Nom:<span class=\"grunion-label-required\" aria-hidden=\"true\">(obligatoire)<\/span><\/label>\n<input\n\t\t\t\t\ttype='text'\n\t\t\t\t\tname='g299024-nom'\n\t\t\t\t\tid='g299024-nom'\n\t\t\t\t\tvalue=''\n\n\t\t\t\t\tdata-wp-bind--aria-invalid='state.fieldAriaInvalid'\n\t\t\t\t\tdata-wp-bind--value='state.getFieldValue'\n\t\t\t\t\taria-describedby='g299024-nom-text-error-message'\n\t\t\t\t\tdata-wp-on--input='actions.onFieldChange'\n\t\t\t\t\tdata-wp-on--blur='actions.onFieldBlur'\n\t\t\t\t\tdata-wp-class--has-value='state.hasFieldValue'\n\n\t\t\t\t\tclass='name  grunion-field' \n\t\t\t\t\trequired='true' aria-required='true'  \/>\n \n\t\t\t<div id=\"g299024-nom-text-error\" class=\"contact-form__input-error\" data-wp-class--has-errors=\"state.fieldHasErrors\">\n\t\t\t\t<span class=\"contact-form__warning-icon\" aria-hidden=\"true\">\n\t\t\t\t\t<svg width=\"16\" height=\"16\" viewBox=\"0 0 16 16\" fill=\"none\" xmlns=\"http:\/\/www.w3.org\/2000\/svg\">\n\t\t\t\t\t\t<path d=\"M8.50015 11.6402H7.50015V10.6402H8.50015V11.6402Z\" \/>\n\t\t\t\t\t\t<path d=\"M7.50015 9.64018H8.50015V6.30684H7.50015V9.64018Z\" \/>\n\t\t\t\t\t\t<path fill-rule=\"evenodd\" clip-rule=\"evenodd\" d=\"M6.98331 3.0947C7.42933 2.30177 8.57096 2.30177 9.01698 3.09469L13.8771 11.7349C14.3145 12.5126 13.7525 13.4735 12.8602 13.4735H3.14004C2.24774 13.4735 1.68575 12.5126 2.12321 11.7349L6.98331 3.0947ZM8.14541 3.58496C8.08169 3.47168 7.9186 3.47168 7.85488 3.58496L2.99478 12.2251C2.93229 12.3362 3.01257 12.4735 3.14004 12.4735H12.8602C12.9877 12.4735 13.068 12.3362 13.0055 12.2251L8.14541 3.58496Z\" \/>\n\t\t\t\t\t<\/svg>\n\t\t\t\t<\/span>\n\t\t\t\t<span data-wp-text=\"state.errorMessage\" id=\"g299024-nom-text-error-message\"><\/span>\n\t\t\t<\/div> \n\t<\/div>\n\n<div style=\"\"  data-wp-interactive=\"jetpack\/form\" data-wp-context='{\"fieldId\":\"g299024-email\",\"fieldType\":\"email\",\"fieldLabel\":\"E-mail\",\"fieldValue\":\"\",\"fieldPlaceholder\":\"\",\"fieldIsRequired\":\"1\",\"fieldErrorMessage\":\"\",\"fieldExtra\":[],\"formHash\":\"1fd9028264eef93333ef8fd8c7656f09f56a5e99\"}'  class='grunion-field-email-wrap grunion-field-wrap'  data-wp-init='callbacks.initializeField' data-wp-on--jetpack-form-reset='callbacks.initializeField' >\n<label\n\t\t\t\tfor='g299024-email' class=\"grunion-field-label email\" >E-mail<span class=\"grunion-label-required\" aria-hidden=\"true\">(obligatoire)<\/span><\/label>\n<input\n\t\t\t\t\ttype='email'\n\t\t\t\t\tname='g299024-email'\n\t\t\t\t\tid='g299024-email'\n\t\t\t\t\tvalue=''\n\n\t\t\t\t\tdata-wp-bind--aria-invalid='state.fieldAriaInvalid'\n\t\t\t\t\tdata-wp-bind--value='state.getFieldValue'\n\t\t\t\t\taria-describedby='g299024-email-email-error-message'\n\t\t\t\t\tdata-wp-on--input='actions.onFieldChange'\n\t\t\t\t\tdata-wp-on--blur='actions.onFieldBlur'\n\t\t\t\t\tdata-wp-class--has-value='state.hasFieldValue'\n\n\t\t\t\t\tclass='email  grunion-field' \n\t\t\t\t\trequired='true' aria-required='true'  \/>\n \n\t\t\t<div id=\"g299024-email-email-error\" class=\"contact-form__input-error\" data-wp-class--has-errors=\"state.fieldHasErrors\">\n\t\t\t\t<span class=\"contact-form__warning-icon\" aria-hidden=\"true\">\n\t\t\t\t\t<svg width=\"16\" height=\"16\" viewBox=\"0 0 16 16\" fill=\"none\" xmlns=\"http:\/\/www.w3.org\/2000\/svg\">\n\t\t\t\t\t\t<path d=\"M8.50015 11.6402H7.50015V10.6402H8.50015V11.6402Z\" \/>\n\t\t\t\t\t\t<path d=\"M7.50015 9.64018H8.50015V6.30684H7.50015V9.64018Z\" \/>\n\t\t\t\t\t\t<path fill-rule=\"evenodd\" clip-rule=\"evenodd\" d=\"M6.98331 3.0947C7.42933 2.30177 8.57096 2.30177 9.01698 3.09469L13.8771 11.7349C14.3145 12.5126 13.7525 13.4735 12.8602 13.4735H3.14004C2.24774 13.4735 1.68575 12.5126 2.12321 11.7349L6.98331 3.0947ZM8.14541 3.58496C8.08169 3.47168 7.9186 3.47168 7.85488 3.58496L2.99478 12.2251C2.93229 12.3362 3.01257 12.4735 3.14004 12.4735H12.8602C12.9877 12.4735 13.068 12.3362 13.0055 12.2251L8.14541 3.58496Z\" \/>\n\t\t\t\t\t<\/svg>\n\t\t\t\t<\/span>\n\t\t\t\t<span data-wp-text=\"state.errorMessage\" id=\"g299024-email-email-error-message\"><\/span>\n\t\t\t<\/div> \n\t<\/div>\n\n<div style=\"\"  data-wp-interactive=\"jetpack\/form\" data-wp-context='{\"fieldId\":\"g299024-ausujetdeceyacht\",\"fieldType\":\"text\",\"fieldLabel\":\"Au sujet de ce yacht : \",\"fieldValue\":\"\",\"fieldPlaceholder\":\"\",\"fieldIsRequired\":\"\",\"fieldErrorMessage\":\"\",\"fieldExtra\":[],\"formHash\":\"1fd9028264eef93333ef8fd8c7656f09f56a5e99\"}'  class='grunion-field-text-wrap grunion-field-wrap'  data-wp-init='callbacks.initializeField' data-wp-on--jetpack-form-reset='callbacks.initializeField' >\n<label\n\t\t\t\tfor='g299024-ausujetdeceyacht' class=\"grunion-field-label text\" >Au sujet de ce yacht : <\/label>\n<input\n\t\t\t\t\ttype='text'\n\t\t\t\t\tname='g299024-ausujetdeceyacht'\n\t\t\t\t\tid='g299024-ausujetdeceyacht'\n\t\t\t\t\tvalue=''\n\n\t\t\t\t\tdata-wp-bind--aria-invalid='state.fieldAriaInvalid'\n\t\t\t\t\tdata-wp-bind--value='state.getFieldValue'\n\t\t\t\t\taria-describedby='g299024-ausujetdeceyacht-text-error-message'\n\t\t\t\t\tdata-wp-on--input='actions.onFieldChange'\n\t\t\t\t\tdata-wp-on--blur='actions.onFieldBlur'\n\t\t\t\t\tdata-wp-class--has-value='state.hasFieldValue'\n\n\t\t\t\t\tclass='text  grunion-field' \n\t\t\t\t\t \/>\n \n\t\t\t<div id=\"g299024-ausujetdeceyacht-text-error\" class=\"contact-form__input-error\" data-wp-class--has-errors=\"state.fieldHasErrors\">\n\t\t\t\t<span class=\"contact-form__warning-icon\" aria-hidden=\"true\">\n\t\t\t\t\t<svg width=\"16\" height=\"16\" viewBox=\"0 0 16 16\" fill=\"none\" xmlns=\"http:\/\/www.w3.org\/2000\/svg\">\n\t\t\t\t\t\t<path d=\"M8.50015 11.6402H7.50015V10.6402H8.50015V11.6402Z\" \/>\n\t\t\t\t\t\t<path d=\"M7.50015 9.64018H8.50015V6.30684H7.50015V9.64018Z\" \/>\n\t\t\t\t\t\t<path fill-rule=\"evenodd\" clip-rule=\"evenodd\" d=\"M6.98331 3.0947C7.42933 2.30177 8.57096 2.30177 9.01698 3.09469L13.8771 11.7349C14.3145 12.5126 13.7525 13.4735 12.8602 13.4735H3.14004C2.24774 13.4735 1.68575 12.5126 2.12321 11.7349L6.98331 3.0947ZM8.14541 3.58496C8.08169 3.47168 7.9186 3.47168 7.85488 3.58496L2.99478 12.2251C2.93229 12.3362 3.01257 12.4735 3.14004 12.4735H12.8602C12.9877 12.4735 13.068 12.3362 13.0055 12.2251L8.14541 3.58496Z\" \/>\n\t\t\t\t\t<\/svg>\n\t\t\t\t<\/span>\n\t\t\t\t<span data-wp-text=\"state.errorMessage\" id=\"g299024-ausujetdeceyacht-text-error-message\"><\/span>\n\t\t\t<\/div> \n\t<\/div>\n\n<div style=\"\"  data-wp-interactive=\"jetpack\/form\" data-wp-context='{\"fieldId\":\"g299024-message\",\"fieldType\":\"textarea\",\"fieldLabel\":\"Message\",\"fieldValue\":\"\",\"fieldPlaceholder\":\"\",\"fieldIsRequired\":\"\",\"fieldErrorMessage\":\"\",\"fieldExtra\":[],\"formHash\":\"1fd9028264eef93333ef8fd8c7656f09f56a5e99\"}'  class='grunion-field-textarea-wrap grunion-field-wrap'  data-wp-init='callbacks.initializeField' data-wp-on--jetpack-form-reset='callbacks.initializeField' >\n<label\n\t\t\t\tfor='contact-form-comment-g299024-message' class=\"grunion-field-label textarea\" >Message<\/label>\n<textarea\n\t\t                style=''\n\t\t                name='g299024-message'\n\t\t                id='contact-form-comment-g299024-message'\n\t\t                rows='20'\n\t\t\t\t\t\tdata-wp-text='state.getFieldValue'\n\t\t\t\t\t\tdata-wp-on--input='actions.onFieldChange'\n\t\t\t\t\t\tdata-wp-on--blur='actions.onFieldBlur'\n\t\t\t\t\t\tdata-wp-class--has-value='state.hasFieldValue'\n\t\t\t\t\t\taria-describedby='g299024-message-textarea-error-message'\n\t\t\t\t\t\tdata-wp-bind--aria-invalid='state.fieldAriaInvalid'\n\t\t\t\t\t\tclass='textarea  grunion-field'  ><\/textarea>\n \n\t\t\t<div id=\"g299024-message-textarea-error\" class=\"contact-form__input-error\" data-wp-class--has-errors=\"state.fieldHasErrors\">\n\t\t\t\t<span class=\"contact-form__warning-icon\" aria-hidden=\"true\">\n\t\t\t\t\t<svg width=\"16\" height=\"16\" viewBox=\"0 0 16 16\" fill=\"none\" xmlns=\"http:\/\/www.w3.org\/2000\/svg\">\n\t\t\t\t\t\t<path d=\"M8.50015 11.6402H7.50015V10.6402H8.50015V11.6402Z\" \/>\n\t\t\t\t\t\t<path d=\"M7.50015 9.64018H8.50015V6.30684H7.50015V9.64018Z\" \/>\n\t\t\t\t\t\t<path fill-rule=\"evenodd\" clip-rule=\"evenodd\" d=\"M6.98331 3.0947C7.42933 2.30177 8.57096 2.30177 9.01698 3.09469L13.8771 11.7349C14.3145 12.5126 13.7525 13.4735 12.8602 13.4735H3.14004C2.24774 13.4735 1.68575 12.5126 2.12321 11.7349L6.98331 3.0947ZM8.14541 3.58496C8.08169 3.47168 7.9186 3.47168 7.85488 3.58496L2.99478 12.2251C2.93229 12.3362 3.01257 12.4735 3.14004 12.4735H12.8602C12.9877 12.4735 13.068 12.3362 13.0055 12.2251L8.14541 3.58496Z\" \/>\n\t\t\t\t\t<\/svg>\n\t\t\t\t<\/span>\n\t\t\t\t<span data-wp-text=\"state.errorMessage\" id=\"g299024-message-textarea-error-message\"><\/span>\n\t\t\t<\/div>\n\t<\/div>\n\t<p class='contact-submit'>\n<div class=\"contact-form__error\" data-wp-class--show-errors=\"state.showFormErrors\"><span class=\"contact-form__warning-icon\" aria-hidden=\"true\"><i><\/i><\/span><span class=\"contact-form__error-message\" tabindex=\"-1\" data-wp-watch=\"callbacks.focusOnValidationError\" data-wp-text=\"state.getFormErrorMessage\"><\/span><ul aria-label=\"Erreurs de formulaire\">\n\t\t\t\t<template data-wp-each=\"state.getErrorList\" data-wp-key=\"context.item.id\">\n\t\t\t\t\t<li><a data-wp-bind--href=\"context.item.anchor\" data-wp-on--click=\"actions.scrollIntoView\" data-wp-text=\"context.item.label\"><\/a><\/li>\n\t\t\t\t<\/template>\n\t\t\t\t<\/ul><\/div><div class=\"contact-form__error\" data-wp-class--show-errors=\"state.showSubmissionError\" data-wp-text=\"context.submissionError\" tabindex=\"-1\" data-wp-watch=\"callbacks.focusOnSubmissionError\"><\/div>\t\t<button type='submit' class='pushbutton-wide'>Envoyer<\/button>\t\t<input type='hidden' name='contact-form-id' value='299024' \/>\n\t\t<input type='hidden' name='action' value='grunion-contact-form' \/>\n\t\t<input type='hidden' name='contact-form-hash' value='1fd9028264eef93333ef8fd8c7656f09f56a5e99' \/>\n\t<\/p>\n<p style=\"display: none !important;\" class=\"akismet-fields-container\" data-prefix=\"ak_\"><label>&#916;<textarea name=\"ak_hp_textarea\" cols=\"45\" rows=\"8\" maxlength=\"100\"><\/textarea><\/label><input type=\"hidden\" id=\"ak_js_1\" name=\"ak_js\" value=\"157\"\/><script type=\"text\/javascript\">\n\/* <![CDATA[ *\/\ndocument.getElementById( \"ak_js_1\" ).setAttribute( \"value\", ( new Date() ).getTime() );\n\/* ]]> *\/\n<\/script>\n<\/p><\/form>\n<\/div>\n<p>&nbsp;<\/p>\n<p>&nbsp;<\/p>\n<p>&nbsp;<\/p>\n<\/div>\n<\/div>\n","protected":false},"excerpt":{"rendered":"<p>OFF MARKET (pr\u00e9sentement retir\u00e9 de la vente) Absolute Navetta 48 2025 $1,799,000 usd \u00e0 vendre Ce Navetta 48 Absolute 2025 offre une combinaison \u00e9quilibr\u00e9e de confort, de fonctionnalit\u00e9 et de design moderne dans un ensemble qui semble plus spacieux que sa taille ne le laisse supposer. Propuls\u00e9 par des moteurs Volvo IPS 650, ce bateau &hellip; <a href=\"https:\/\/itayachtscanada.com\/fr\/listing\/absolute-navetta-48-2025-1799000-usd-for-sale\/\" class=\"more-link\">Lire la suite <span class=\"screen-reader-text\">Absolute Navetta 48 2025 $1,799,000 usd \u00e0 vendre<\/span> <span class=\"meta-nav\">&rarr;<\/span><\/a><\/p>\n","protected":false},"author":119081455,"featured_media":299030,"parent":0,"menu_order":0,"comment_status":"open","ping_status":"open","template":"","format":"standard","meta":{"_coblocks_attr":"","_coblocks_dimensions":"","_coblocks_responsive_height":"","_coblocks_accordion_ie_support":"","_lmt_disableupdate":"no","_lmt_disable":"no","advanced_seo_description":"","jetpack_seo_html_title":"","jetpack_seo_noindex":false,"footnotes":""},"manufacturer":[6435],"prix":[6735],"years":[7181],"length_feet":[6586],"boat_type":[6464],"price_range":[6580],"localisations":[],"numyacht":[11157],"datevente":[11156,11263],"country":[10755],"states":[10770],"city":[10978],"fresh-water-boat":[10809],"broker":[],"migration":[10888],"class_list":["post-299024","listing","type-listing","status-publish","format-standard","has-post-thumbnail","hentry","manufacturer-absolute-yachts","prix-6735","years-7181","length_feet-under-49-feets","boat_type-flybridge","price_range-1500000-2999999","numyacht-11157","datevente-2026-02-04","datevente-2026-04-02","country-united-states","states-floride","city-st-petersburg","fresh-water-boat-non","migration-non"],"translation":{"provider":"WPGlobus","version":"2.12.2","language":"fr","enabled_languages":["en","fr"],"languages":{"en":{"title":true,"content":true,"excerpt":false},"fr":{"title":true,"content":true,"excerpt":false}}},"jetpack_likes_enabled":true,"jetpack_sharing_enabled":true,"_links":{"self":[{"href":"https:\/\/itayachtscanada.com\/fr\/wp-json\/wp\/v2\/listing\/299024","targetHints":{"allow":["GET"]}}],"collection":[{"href":"https:\/\/itayachtscanada.com\/fr\/wp-json\/wp\/v2\/listing"}],"about":[{"href":"https:\/\/itayachtscanada.com\/fr\/wp-json\/wp\/v2\/types\/listing"}],"author":[{"embeddable":true,"href":"https:\/\/itayachtscanada.com\/fr\/wp-json\/wp\/v2\/users\/119081455"}],"replies":[{"embeddable":true,"href":"https:\/\/itayachtscanada.com\/fr\/wp-json\/wp\/v2\/comments?post=299024"}],"version-history":[{"count":16,"href":"https:\/\/itayachtscanada.com\/fr\/wp-json\/wp\/v2\/listing\/299024\/revisions"}],"predecessor-version":[{"id":300700,"href":"https:\/\/itayachtscanada.com\/fr\/wp-json\/wp\/v2\/listing\/299024\/revisions\/300700"}],"wp:featuredmedia":[{"embeddable":true,"href":"https:\/\/itayachtscanada.com\/fr\/wp-json\/wp\/v2\/media\/299030"}],"wp:attachment":[{"href":"https:\/\/itayachtscanada.com\/fr\/wp-json\/wp\/v2\/media?parent=299024"}],"wp:term":[{"taxonomy":"manufacturer","embeddable":true,"href":"https:\/\/itayachtscanada.com\/fr\/wp-json\/wp\/v2\/manufacturer?post=299024"},{"taxonomy":"prix","embeddable":true,"href":"https:\/\/itayachtscanada.com\/fr\/wp-json\/wp\/v2\/prix?post=299024"},{"taxonomy":"years","embeddable":true,"href":"https:\/\/itayachtscanada.com\/fr\/wp-json\/wp\/v2\/years?post=299024"},{"taxonomy":"length_feet","embeddable":true,"href":"https:\/\/itayachtscanada.com\/fr\/wp-json\/wp\/v2\/length_feet?post=299024"},{"taxonomy":"boat_type","embeddable":true,"href":"https:\/\/itayachtscanada.com\/fr\/wp-json\/wp\/v2\/boat_type?post=299024"},{"taxonomy":"price_range","embeddable":true,"href":"https:\/\/itayachtscanada.com\/fr\/wp-json\/wp\/v2\/price_range?post=299024"},{"taxonomy":"localisations","embeddable":true,"href":"https:\/\/itayachtscanada.com\/fr\/wp-json\/wp\/v2\/localisations?post=299024"},{"taxonomy":"numyacht","embeddable":true,"href":"https:\/\/itayachtscanada.com\/fr\/wp-json\/wp\/v2\/numyacht?post=299024"},{"taxonomy":"datevente","embeddable":true,"href":"https:\/\/itayachtscanada.com\/fr\/wp-json\/wp\/v2\/datevente?post=299024"},{"taxonomy":"country","embeddable":true,"href":"https:\/\/itayachtscanada.com\/fr\/wp-json\/wp\/v2\/country?post=299024"},{"taxonomy":"states","embeddable":true,"href":"https:\/\/itayachtscanada.com\/fr\/wp-json\/wp\/v2\/states?post=299024"},{"taxonomy":"city","embeddable":true,"href":"https:\/\/itayachtscanada.com\/fr\/wp-json\/wp\/v2\/city?post=299024"},{"taxonomy":"fresh-water-boat","embeddable":true,"href":"https:\/\/itayachtscanada.com\/fr\/wp-json\/wp\/v2\/fresh-water-boat?post=299024"},{"taxonomy":"broker","embeddable":true,"href":"https:\/\/itayachtscanada.com\/fr\/wp-json\/wp\/v2\/broker?post=299024"},{"taxonomy":"migration","embeddable":true,"href":"https:\/\/itayachtscanada.com\/fr\/wp-json\/wp\/v2\/migration?post=299024"}],"curies":[{"name":"wp","href":"https:\/\/api.w.org\/{rel}","templated":true}]}}