{"id":294104,"date":"2025-12-02T10:33:40","date_gmt":"2025-12-02T15:33:40","guid":{"rendered":"https:\/\/itayachtscanada.com\/?post_type=listing&#038;p=294104"},"modified":"2026-03-30T10:54:45","modified_gmt":"2026-03-30T14:54:45","slug":"sunseeker-76-yacht-2020-3295000-usd-for-sale","status":"publish","type":"listing","link":"https:\/\/itayachtscanada.com\/fr\/listing\/sunseeker-76-yacht-2020-3295000-usd-for-sale\/","title":{"rendered":"Sunseeker 76 Yacht 2020 $3,295,000 usd \u00e0 vendre"},"content":{"rendered":"<p><strong>Sunseeker 76 Yacht 2020 $3,295,000 usd \u00e0 vendre<\/strong><\/p>\n<p>Le Sunseeker 76 Yacht repr\u00e9sente le summum du luxe et des performances modernes. Alliant un design \u00e9l\u00e9gant<br \/>\n\u00e0 un savoir-faire sans compromis, le \u00ab Chinonino \u00bb offre des espaces vastes, un confort exceptionnel et une puissance impressionnante,<br \/>\nid\u00e9al pour les propri\u00e9taires exigeants qui recherchent \u00e0 la fois la d\u00e9tente et l&rsquo;aventure.<\/p>\n<p>Le Sunseeker 76 Yacht \u00ab Chinonino \u00bb incarne le luxe intemporel et une ing\u00e9nierie sup\u00e9rieure. M\u00e9ticuleusement<br \/>\nentretenu et \u00e9l\u00e9gamment am\u00e9nag\u00e9, il offre une exp\u00e9rience de navigation in\u00e9gal\u00e9e, v\u00e9ritable d\u00e9claration de style, de<br \/>\npuissance et de confort sur l&rsquo;eau.<\/p>\n<p>Description du Sunseeker 76 Yacht :<\/p>\n<p>Le Sunseeker 76 Yacht vous offre tout ce que vous attendez d&rsquo;un yacht \u00e0 flybridge. D&rsquo;une tenue en mer exceptionnelle \u00e0 la derni\u00e8re conception de coque en V profond, en passant par un espace de premier ordre sur tous les ponts magnifiquement am\u00e9nag\u00e9s.<br \/>\nNon seulement ce mod\u00e8le offre une silhouette impressionnante \u00e0 l&rsquo;horizon, mais une grande surface vitr\u00e9e et la lumi\u00e8re du soleil vous accueillent \u00e9galement \u00e0 bord du 76 Yacht, et le pont principal vous permet de recevoir vos invit\u00e9s avec une vue \u00e0 presque 360 degr\u00e9s sur les environs. Pour la vie \u00ab en plein air \u00bb, ce yacht \u00e0 flybridge offre un niveau d&rsquo;espace et de flexibilit\u00e9 sans pr\u00e9c\u00e9dent pour r\u00e9pondre aux besoins des propri\u00e9taires.<\/p>\n<p>Le cockpit peut \u00eatre adapt\u00e9 pour inclure des si\u00e8ges suppl\u00e9mentaires ou un bar \u00e0 cocktails. \u00c0 l&rsquo;arri\u00e8re, profitez d&rsquo;un mini club de plage, \u00e9quip\u00e9 d&rsquo;un barbecue, de si\u00e8ges rabattables et d&rsquo;une douche \u00e0 effet pluie, id\u00e9al pour recevoir famille et amis. Profitez pleinement de la plate-forme de baignade prolong\u00e9e, qui peut facilement accueillir un tender de 14 pieds, des SeaBobs et bien plus encore. L&rsquo;impressionnante disposition du 76 Yacht se poursuit sur le pont avant, o\u00f9 de grands bains de soleil jumeaux, des si\u00e8ges avant\/arri\u00e8re et une r\u00e9frig\u00e9ration en option garantissent une optimisation de l&rsquo;espace pour toutes les occasions sociales.<\/p>\n<div>\n<div class=\"html-content-description\">\n<div>\n<div class=\"content-box\">\n<div class=\"column-container cols-3\">\n<div class=\"column\">\n<div class=\"column-item\">\n<div>\n<div class=\"content-box\">\n<div class=\"column-container cols-3\">\n<div class=\"column\">\n<div class=\"column-item\">\n<div>\n<h3>Ce yacht Sunseeker 76 est situ\u00e9 en Floride. Veuillez nous contacter au 514-521-1221 pour obtenir tous les d\u00e9tails concernant ce yacht Sunseeker 76. Notre bureau est situ\u00e9 dans la banlieue de Montr\u00e9al.<\/h3>\n<p><a href=\"https:\/\/itayachtscanada.com\/fr\/virtuals_visits\/sunseeker-76-yacht\/\">Cliquez ici<\/a> pour une visite virtuelle du yacht Sunseeker 76.<\/p>\n<p>Dimensions<br \/>\nLongueur hors tout : 76 pieds<br \/>\nLargeur : 19 pieds 6 pouces<br \/>\nTirant d&rsquo;eau maximal : 5 pi 7 po<br \/>\nVitesse<br \/>\nVitesse de croisi\u00e8re : 26 n\u0153uds \u00e0 tr\/min<br \/>\nVitesse de coque : 32 n\u0153uds \u00e0 tr\/min<br \/>\nAutonomie : 400 milles marins<br \/>\nR\u00e9servoirs<br \/>\nCarburant : 1 (1585 gal)<br \/>\nEau douce : 1 (370 gal)<br \/>\nH\u00e9bergement<br \/>\nCabines invit\u00e9s : 4<br \/>\nSalles de bain invit\u00e9s : 4<\/p>\n<p>&nbsp;<\/p>\n<p>MOTEURS :<\/p>\n<p>2020 MAN V12 (moteur 1)<br \/>\nType de moteur : in-bord<br \/>\nType de carburant : diesel<br \/>\nHeures moteur : 1070<br \/>\nPuissance : 1550 ch<br \/>\nType de transmission : transmission directe<\/p>\n<p>2020 MAN V12 (moteur 2)<br \/>\nType de moteur : in-bord<br \/>\nType de carburant : diesel<br \/>\nHeures moteur : 1070<br \/>\nPuissance : 1550 ch<\/p>\n<\/div>\n<\/div>\n<\/div>\n<\/div>\n<\/div>\n<\/div>\n<div><\/div>\n<div>\n<div data-carousel-extra='{&quot;blog_id&quot;:1,&quot;permalink&quot;:&quot;https:\/\/itayachtscanada.com\/fr\/listing\/sunseeker-76-yacht-2020-3295000-usd-for-sale\/&quot;}' id='gallery-1' class='gallery galleryid-294104 gallery-columns-3 gallery-size-medium'><figure class='gallery-item'>\n\t\t\t<div class='gallery-icon landscape'>\n\t\t\t\t<a href='https:\/\/itayachtscanada.com\/fr\/listing\/sunseeker-76-yacht-2020-3295000-usd-for-sale\/sunseeker-76-yacht-2020\/'><img loading=\"lazy\" decoding=\"async\" width=\"300\" height=\"201\" src=\"https:\/\/i0.wp.com\/itayachtscanada.com\/wp-content\/uploads\/2025\/12\/Sunseeker-76-Yacht-2020.jpg?fit=300%2C201&amp;ssl=1\" class=\"attachment-medium size-medium\" alt=\"\" srcset=\"https:\/\/i0.wp.com\/itayachtscanada.com\/wp-content\/uploads\/2025\/12\/Sunseeker-76-Yacht-2020.jpg?w=1164&amp;ssl=1 1164w, https:\/\/i0.wp.com\/itayachtscanada.com\/wp-content\/uploads\/2025\/12\/Sunseeker-76-Yacht-2020.jpg?resize=300%2C201&amp;ssl=1 300w, https:\/\/i0.wp.com\/itayachtscanada.com\/wp-content\/uploads\/2025\/12\/Sunseeker-76-Yacht-2020.jpg?resize=1024%2C684&amp;ssl=1 1024w, https:\/\/i0.wp.com\/itayachtscanada.com\/wp-content\/uploads\/2025\/12\/Sunseeker-76-Yacht-2020.jpg?resize=768%2C513&amp;ssl=1 768w, https:\/\/i0.wp.com\/itayachtscanada.com\/wp-content\/uploads\/2025\/12\/Sunseeker-76-Yacht-2020.jpg?resize=700%2C468&amp;ssl=1 700w, https:\/\/i0.wp.com\/itayachtscanada.com\/wp-content\/uploads\/2025\/12\/Sunseeker-76-Yacht-2020.jpg?resize=900%2C600&amp;ssl=1 900w, https:\/\/i0.wp.com\/itayachtscanada.com\/wp-content\/uploads\/2025\/12\/Sunseeker-76-Yacht-2020.jpg?resize=598%2C400&amp;ssl=1 598w\" sizes=\"auto, (max-width: 300px) 100vw, 300px\" data-attachment-id=\"294107\" data-permalink=\"https:\/\/itayachtscanada.com\/fr\/listing\/sunseeker-76-yacht-2020-3295000-usd-for-sale\/sunseeker-76-yacht-2020\/\" data-orig-file=\"https:\/\/i0.wp.com\/itayachtscanada.com\/wp-content\/uploads\/2025\/12\/Sunseeker-76-Yacht-2020.jpg?fit=1164%2C778&amp;ssl=1\" data-orig-size=\"1164,778\" data-comments-opened=\"1\" data-image-meta=\"{&quot;aperture&quot;:&quot;0&quot;,&quot;credit&quot;:&quot;&quot;,&quot;camera&quot;:&quot;&quot;,&quot;caption&quot;:&quot;&quot;,&quot;created_timestamp&quot;:&quot;0&quot;,&quot;copyright&quot;:&quot;&quot;,&quot;focal_length&quot;:&quot;0&quot;,&quot;iso&quot;:&quot;0&quot;,&quot;shutter_speed&quot;:&quot;0&quot;,&quot;title&quot;:&quot;&quot;,&quot;orientation&quot;:&quot;0&quot;}\" data-image-title=\"Sunseeker 76 Yacht 2020\" data-image-description=\"\" data-image-caption=\"\" data-large-file=\"https:\/\/i0.wp.com\/itayachtscanada.com\/wp-content\/uploads\/2025\/12\/Sunseeker-76-Yacht-2020.jpg?fit=700%2C468&amp;ssl=1\" \/><\/a>\n\t\t\t<\/div><\/figure><figure class='gallery-item'>\n\t\t\t<div class='gallery-icon landscape'>\n\t\t\t\t<a href='https:\/\/itayachtscanada.com\/fr\/listing\/sunseeker-76-yacht-2020-3295000-usd-for-sale\/capture-decran-le-2025-12-02-a-10-04-22\/'><img loading=\"lazy\" decoding=\"async\" width=\"300\" height=\"201\" src=\"https:\/\/i0.wp.com\/itayachtscanada.com\/wp-content\/uploads\/2025\/12\/Capture-decran-le-2025-12-02-a-10.04.22.jpg?fit=300%2C201&amp;ssl=1\" class=\"attachment-medium size-medium\" alt=\"\" srcset=\"https:\/\/i0.wp.com\/itayachtscanada.com\/wp-content\/uploads\/2025\/12\/Capture-decran-le-2025-12-02-a-10.04.22.jpg?w=1164&amp;ssl=1 1164w, https:\/\/i0.wp.com\/itayachtscanada.com\/wp-content\/uploads\/2025\/12\/Capture-decran-le-2025-12-02-a-10.04.22.jpg?resize=300%2C201&amp;ssl=1 300w, https:\/\/i0.wp.com\/itayachtscanada.com\/wp-content\/uploads\/2025\/12\/Capture-decran-le-2025-12-02-a-10.04.22.jpg?resize=1024%2C684&amp;ssl=1 1024w, https:\/\/i0.wp.com\/itayachtscanada.com\/wp-content\/uploads\/2025\/12\/Capture-decran-le-2025-12-02-a-10.04.22.jpg?resize=768%2C513&amp;ssl=1 768w, https:\/\/i0.wp.com\/itayachtscanada.com\/wp-content\/uploads\/2025\/12\/Capture-decran-le-2025-12-02-a-10.04.22.jpg?resize=700%2C468&amp;ssl=1 700w, https:\/\/i0.wp.com\/itayachtscanada.com\/wp-content\/uploads\/2025\/12\/Capture-decran-le-2025-12-02-a-10.04.22.jpg?resize=900%2C600&amp;ssl=1 900w, https:\/\/i0.wp.com\/itayachtscanada.com\/wp-content\/uploads\/2025\/12\/Capture-decran-le-2025-12-02-a-10.04.22.jpg?resize=598%2C400&amp;ssl=1 598w\" sizes=\"auto, (max-width: 300px) 100vw, 300px\" data-attachment-id=\"294108\" data-permalink=\"https:\/\/itayachtscanada.com\/fr\/listing\/sunseeker-76-yacht-2020-3295000-usd-for-sale\/capture-decran-le-2025-12-02-a-10-04-22\/\" data-orig-file=\"https:\/\/i0.wp.com\/itayachtscanada.com\/wp-content\/uploads\/2025\/12\/Capture-decran-le-2025-12-02-a-10.04.22.jpg?fit=1164%2C778&amp;ssl=1\" data-orig-size=\"1164,778\" data-comments-opened=\"1\" data-image-meta=\"{&quot;aperture&quot;:&quot;0&quot;,&quot;credit&quot;:&quot;&quot;,&quot;camera&quot;:&quot;&quot;,&quot;caption&quot;:&quot;&quot;,&quot;created_timestamp&quot;:&quot;0&quot;,&quot;copyright&quot;:&quot;&quot;,&quot;focal_length&quot;:&quot;0&quot;,&quot;iso&quot;:&quot;0&quot;,&quot;shutter_speed&quot;:&quot;0&quot;,&quot;title&quot;:&quot;&quot;,&quot;orientation&quot;:&quot;0&quot;}\" data-image-title=\"Capture d\u2019e\u0301cran, le 2025-12-02 a\u0300 10.04.22\" data-image-description=\"\" data-image-caption=\"\" data-large-file=\"https:\/\/i0.wp.com\/itayachtscanada.com\/wp-content\/uploads\/2025\/12\/Capture-decran-le-2025-12-02-a-10.04.22.jpg?fit=700%2C468&amp;ssl=1\" \/><\/a>\n\t\t\t<\/div><\/figure><figure class='gallery-item'>\n\t\t\t<div class='gallery-icon landscape'>\n\t\t\t\t<a href='https:\/\/itayachtscanada.com\/fr\/listing\/sunseeker-76-yacht-2020-3295000-usd-for-sale\/capture-decran-le-2025-12-02-a-10-04-18\/'><img loading=\"lazy\" decoding=\"async\" width=\"300\" height=\"201\" src=\"https:\/\/i0.wp.com\/itayachtscanada.com\/wp-content\/uploads\/2025\/12\/Capture-decran-le-2025-12-02-a-10.04.18.jpg?fit=300%2C201&amp;ssl=1\" class=\"attachment-medium size-medium\" alt=\"\" srcset=\"https:\/\/i0.wp.com\/itayachtscanada.com\/wp-content\/uploads\/2025\/12\/Capture-decran-le-2025-12-02-a-10.04.18.jpg?w=1164&amp;ssl=1 1164w, https:\/\/i0.wp.com\/itayachtscanada.com\/wp-content\/uploads\/2025\/12\/Capture-decran-le-2025-12-02-a-10.04.18.jpg?resize=300%2C201&amp;ssl=1 300w, https:\/\/i0.wp.com\/itayachtscanada.com\/wp-content\/uploads\/2025\/12\/Capture-decran-le-2025-12-02-a-10.04.18.jpg?resize=1024%2C684&amp;ssl=1 1024w, https:\/\/i0.wp.com\/itayachtscanada.com\/wp-content\/uploads\/2025\/12\/Capture-decran-le-2025-12-02-a-10.04.18.jpg?resize=768%2C513&amp;ssl=1 768w, https:\/\/i0.wp.com\/itayachtscanada.com\/wp-content\/uploads\/2025\/12\/Capture-decran-le-2025-12-02-a-10.04.18.jpg?resize=700%2C468&amp;ssl=1 700w, https:\/\/i0.wp.com\/itayachtscanada.com\/wp-content\/uploads\/2025\/12\/Capture-decran-le-2025-12-02-a-10.04.18.jpg?resize=900%2C600&amp;ssl=1 900w, https:\/\/i0.wp.com\/itayachtscanada.com\/wp-content\/uploads\/2025\/12\/Capture-decran-le-2025-12-02-a-10.04.18.jpg?resize=598%2C400&amp;ssl=1 598w\" sizes=\"auto, (max-width: 300px) 100vw, 300px\" data-attachment-id=\"294109\" data-permalink=\"https:\/\/itayachtscanada.com\/fr\/listing\/sunseeker-76-yacht-2020-3295000-usd-for-sale\/capture-decran-le-2025-12-02-a-10-04-18\/\" data-orig-file=\"https:\/\/i0.wp.com\/itayachtscanada.com\/wp-content\/uploads\/2025\/12\/Capture-decran-le-2025-12-02-a-10.04.18.jpg?fit=1164%2C778&amp;ssl=1\" data-orig-size=\"1164,778\" data-comments-opened=\"1\" data-image-meta=\"{&quot;aperture&quot;:&quot;0&quot;,&quot;credit&quot;:&quot;&quot;,&quot;camera&quot;:&quot;&quot;,&quot;caption&quot;:&quot;&quot;,&quot;created_timestamp&quot;:&quot;0&quot;,&quot;copyright&quot;:&quot;&quot;,&quot;focal_length&quot;:&quot;0&quot;,&quot;iso&quot;:&quot;0&quot;,&quot;shutter_speed&quot;:&quot;0&quot;,&quot;title&quot;:&quot;&quot;,&quot;orientation&quot;:&quot;0&quot;}\" data-image-title=\"Capture d\u2019e\u0301cran, le 2025-12-02 a\u0300 10.04.18\" data-image-description=\"\" data-image-caption=\"\" data-large-file=\"https:\/\/i0.wp.com\/itayachtscanada.com\/wp-content\/uploads\/2025\/12\/Capture-decran-le-2025-12-02-a-10.04.18.jpg?fit=700%2C468&amp;ssl=1\" \/><\/a>\n\t\t\t<\/div><\/figure><figure class='gallery-item'>\n\t\t\t<div class='gallery-icon landscape'>\n\t\t\t\t<a href='https:\/\/itayachtscanada.com\/fr\/listing\/sunseeker-76-yacht-2020-3295000-usd-for-sale\/capture-decran-le-2025-12-02-a-10-04-08\/'><img loading=\"lazy\" decoding=\"async\" width=\"300\" height=\"201\" src=\"https:\/\/i0.wp.com\/itayachtscanada.com\/wp-content\/uploads\/2025\/12\/Capture-decran-le-2025-12-02-a-10.04.08.jpg?fit=300%2C201&amp;ssl=1\" class=\"attachment-medium size-medium\" alt=\"\" srcset=\"https:\/\/i0.wp.com\/itayachtscanada.com\/wp-content\/uploads\/2025\/12\/Capture-decran-le-2025-12-02-a-10.04.08.jpg?w=1164&amp;ssl=1 1164w, https:\/\/i0.wp.com\/itayachtscanada.com\/wp-content\/uploads\/2025\/12\/Capture-decran-le-2025-12-02-a-10.04.08.jpg?resize=300%2C201&amp;ssl=1 300w, https:\/\/i0.wp.com\/itayachtscanada.com\/wp-content\/uploads\/2025\/12\/Capture-decran-le-2025-12-02-a-10.04.08.jpg?resize=1024%2C684&amp;ssl=1 1024w, https:\/\/i0.wp.com\/itayachtscanada.com\/wp-content\/uploads\/2025\/12\/Capture-decran-le-2025-12-02-a-10.04.08.jpg?resize=768%2C513&amp;ssl=1 768w, https:\/\/i0.wp.com\/itayachtscanada.com\/wp-content\/uploads\/2025\/12\/Capture-decran-le-2025-12-02-a-10.04.08.jpg?resize=700%2C468&amp;ssl=1 700w, https:\/\/i0.wp.com\/itayachtscanada.com\/wp-content\/uploads\/2025\/12\/Capture-decran-le-2025-12-02-a-10.04.08.jpg?resize=900%2C600&amp;ssl=1 900w, https:\/\/i0.wp.com\/itayachtscanada.com\/wp-content\/uploads\/2025\/12\/Capture-decran-le-2025-12-02-a-10.04.08.jpg?resize=598%2C400&amp;ssl=1 598w\" sizes=\"auto, (max-width: 300px) 100vw, 300px\" data-attachment-id=\"294110\" data-permalink=\"https:\/\/itayachtscanada.com\/fr\/listing\/sunseeker-76-yacht-2020-3295000-usd-for-sale\/capture-decran-le-2025-12-02-a-10-04-08\/\" data-orig-file=\"https:\/\/i0.wp.com\/itayachtscanada.com\/wp-content\/uploads\/2025\/12\/Capture-decran-le-2025-12-02-a-10.04.08.jpg?fit=1164%2C778&amp;ssl=1\" data-orig-size=\"1164,778\" data-comments-opened=\"1\" data-image-meta=\"{&quot;aperture&quot;:&quot;0&quot;,&quot;credit&quot;:&quot;&quot;,&quot;camera&quot;:&quot;&quot;,&quot;caption&quot;:&quot;&quot;,&quot;created_timestamp&quot;:&quot;0&quot;,&quot;copyright&quot;:&quot;&quot;,&quot;focal_length&quot;:&quot;0&quot;,&quot;iso&quot;:&quot;0&quot;,&quot;shutter_speed&quot;:&quot;0&quot;,&quot;title&quot;:&quot;&quot;,&quot;orientation&quot;:&quot;0&quot;}\" data-image-title=\"Capture d\u2019e\u0301cran, le 2025-12-02 a\u0300 10.04.08\" data-image-description=\"\" data-image-caption=\"\" data-large-file=\"https:\/\/i0.wp.com\/itayachtscanada.com\/wp-content\/uploads\/2025\/12\/Capture-decran-le-2025-12-02-a-10.04.08.jpg?fit=700%2C468&amp;ssl=1\" \/><\/a>\n\t\t\t<\/div><\/figure><figure class='gallery-item'>\n\t\t\t<div class='gallery-icon landscape'>\n\t\t\t\t<a href='https:\/\/itayachtscanada.com\/fr\/listing\/sunseeker-76-yacht-2020-3295000-usd-for-sale\/capture-decran-le-2025-12-02-a-10-02-56\/'><img loading=\"lazy\" decoding=\"async\" width=\"300\" height=\"199\" src=\"https:\/\/i0.wp.com\/itayachtscanada.com\/wp-content\/uploads\/2025\/12\/Capture-decran-le-2025-12-02-a-10.02.56.jpg?fit=300%2C199&amp;ssl=1\" class=\"attachment-medium size-medium\" alt=\"\" srcset=\"https:\/\/i0.wp.com\/itayachtscanada.com\/wp-content\/uploads\/2025\/12\/Capture-decran-le-2025-12-02-a-10.02.56.jpg?w=1174&amp;ssl=1 1174w, https:\/\/i0.wp.com\/itayachtscanada.com\/wp-content\/uploads\/2025\/12\/Capture-decran-le-2025-12-02-a-10.02.56.jpg?resize=300%2C199&amp;ssl=1 300w, https:\/\/i0.wp.com\/itayachtscanada.com\/wp-content\/uploads\/2025\/12\/Capture-decran-le-2025-12-02-a-10.02.56.jpg?resize=1024%2C679&amp;ssl=1 1024w, https:\/\/i0.wp.com\/itayachtscanada.com\/wp-content\/uploads\/2025\/12\/Capture-decran-le-2025-12-02-a-10.02.56.jpg?resize=768%2C509&amp;ssl=1 768w, https:\/\/i0.wp.com\/itayachtscanada.com\/wp-content\/uploads\/2025\/12\/Capture-decran-le-2025-12-02-a-10.02.56.jpg?resize=700%2C464&amp;ssl=1 700w, https:\/\/i0.wp.com\/itayachtscanada.com\/wp-content\/uploads\/2025\/12\/Capture-decran-le-2025-12-02-a-10.02.56.jpg?resize=900%2C600&amp;ssl=1 900w, https:\/\/i0.wp.com\/itayachtscanada.com\/wp-content\/uploads\/2025\/12\/Capture-decran-le-2025-12-02-a-10.02.56.jpg?resize=604%2C400&amp;ssl=1 604w\" sizes=\"auto, (max-width: 300px) 100vw, 300px\" data-attachment-id=\"294119\" data-permalink=\"https:\/\/itayachtscanada.com\/fr\/listing\/sunseeker-76-yacht-2020-3295000-usd-for-sale\/capture-decran-le-2025-12-02-a-10-02-56\/\" data-orig-file=\"https:\/\/i0.wp.com\/itayachtscanada.com\/wp-content\/uploads\/2025\/12\/Capture-decran-le-2025-12-02-a-10.02.56.jpg?fit=1174%2C778&amp;ssl=1\" data-orig-size=\"1174,778\" data-comments-opened=\"1\" data-image-meta=\"{&quot;aperture&quot;:&quot;0&quot;,&quot;credit&quot;:&quot;&quot;,&quot;camera&quot;:&quot;&quot;,&quot;caption&quot;:&quot;&quot;,&quot;created_timestamp&quot;:&quot;0&quot;,&quot;copyright&quot;:&quot;&quot;,&quot;focal_length&quot;:&quot;0&quot;,&quot;iso&quot;:&quot;0&quot;,&quot;shutter_speed&quot;:&quot;0&quot;,&quot;title&quot;:&quot;&quot;,&quot;orientation&quot;:&quot;0&quot;}\" data-image-title=\"Capture d\u2019e\u0301cran, le 2025-12-02 a\u0300 10.02.56\" data-image-description=\"\" data-image-caption=\"\" data-large-file=\"https:\/\/i0.wp.com\/itayachtscanada.com\/wp-content\/uploads\/2025\/12\/Capture-decran-le-2025-12-02-a-10.02.56.jpg?fit=700%2C464&amp;ssl=1\" \/><\/a>\n\t\t\t<\/div><\/figure><figure class='gallery-item'>\n\t\t\t<div class='gallery-icon landscape'>\n\t\t\t\t<a href='https:\/\/itayachtscanada.com\/fr\/listing\/sunseeker-76-yacht-2020-3295000-usd-for-sale\/capture-decran-le-2025-12-02-a-10-03-07\/'><img loading=\"lazy\" decoding=\"async\" width=\"300\" height=\"199\" src=\"https:\/\/i0.wp.com\/itayachtscanada.com\/wp-content\/uploads\/2025\/12\/Capture-decran-le-2025-12-02-a-10.03.07.jpg?fit=300%2C199&amp;ssl=1\" class=\"attachment-medium size-medium\" alt=\"\" srcset=\"https:\/\/i0.wp.com\/itayachtscanada.com\/wp-content\/uploads\/2025\/12\/Capture-decran-le-2025-12-02-a-10.03.07.jpg?w=1174&amp;ssl=1 1174w, https:\/\/i0.wp.com\/itayachtscanada.com\/wp-content\/uploads\/2025\/12\/Capture-decran-le-2025-12-02-a-10.03.07.jpg?resize=300%2C199&amp;ssl=1 300w, https:\/\/i0.wp.com\/itayachtscanada.com\/wp-content\/uploads\/2025\/12\/Capture-decran-le-2025-12-02-a-10.03.07.jpg?resize=1024%2C679&amp;ssl=1 1024w, https:\/\/i0.wp.com\/itayachtscanada.com\/wp-content\/uploads\/2025\/12\/Capture-decran-le-2025-12-02-a-10.03.07.jpg?resize=768%2C509&amp;ssl=1 768w, https:\/\/i0.wp.com\/itayachtscanada.com\/wp-content\/uploads\/2025\/12\/Capture-decran-le-2025-12-02-a-10.03.07.jpg?resize=700%2C464&amp;ssl=1 700w, https:\/\/i0.wp.com\/itayachtscanada.com\/wp-content\/uploads\/2025\/12\/Capture-decran-le-2025-12-02-a-10.03.07.jpg?resize=900%2C600&amp;ssl=1 900w, https:\/\/i0.wp.com\/itayachtscanada.com\/wp-content\/uploads\/2025\/12\/Capture-decran-le-2025-12-02-a-10.03.07.jpg?resize=604%2C400&amp;ssl=1 604w\" sizes=\"auto, (max-width: 300px) 100vw, 300px\" data-attachment-id=\"294117\" data-permalink=\"https:\/\/itayachtscanada.com\/fr\/listing\/sunseeker-76-yacht-2020-3295000-usd-for-sale\/capture-decran-le-2025-12-02-a-10-03-07\/\" data-orig-file=\"https:\/\/i0.wp.com\/itayachtscanada.com\/wp-content\/uploads\/2025\/12\/Capture-decran-le-2025-12-02-a-10.03.07.jpg?fit=1174%2C778&amp;ssl=1\" data-orig-size=\"1174,778\" data-comments-opened=\"1\" data-image-meta=\"{&quot;aperture&quot;:&quot;0&quot;,&quot;credit&quot;:&quot;&quot;,&quot;camera&quot;:&quot;&quot;,&quot;caption&quot;:&quot;&quot;,&quot;created_timestamp&quot;:&quot;0&quot;,&quot;copyright&quot;:&quot;&quot;,&quot;focal_length&quot;:&quot;0&quot;,&quot;iso&quot;:&quot;0&quot;,&quot;shutter_speed&quot;:&quot;0&quot;,&quot;title&quot;:&quot;&quot;,&quot;orientation&quot;:&quot;0&quot;}\" data-image-title=\"Capture d\u2019e\u0301cran, le 2025-12-02 a\u0300 10.03.07\" data-image-description=\"\" data-image-caption=\"\" data-large-file=\"https:\/\/i0.wp.com\/itayachtscanada.com\/wp-content\/uploads\/2025\/12\/Capture-decran-le-2025-12-02-a-10.03.07.jpg?fit=700%2C464&amp;ssl=1\" \/><\/a>\n\t\t\t<\/div><\/figure><figure class='gallery-item'>\n\t\t\t<div class='gallery-icon landscape'>\n\t\t\t\t<a href='https:\/\/itayachtscanada.com\/fr\/listing\/sunseeker-76-yacht-2020-3295000-usd-for-sale\/capture-decran-le-2025-12-02-a-10-04-04\/'><img loading=\"lazy\" decoding=\"async\" width=\"300\" height=\"201\" src=\"https:\/\/i0.wp.com\/itayachtscanada.com\/wp-content\/uploads\/2025\/12\/Capture-decran-le-2025-12-02-a-10.04.04.jpg?fit=300%2C201&amp;ssl=1\" class=\"attachment-medium size-medium\" alt=\"\" srcset=\"https:\/\/i0.wp.com\/itayachtscanada.com\/wp-content\/uploads\/2025\/12\/Capture-decran-le-2025-12-02-a-10.04.04.jpg?w=1164&amp;ssl=1 1164w, https:\/\/i0.wp.com\/itayachtscanada.com\/wp-content\/uploads\/2025\/12\/Capture-decran-le-2025-12-02-a-10.04.04.jpg?resize=300%2C201&amp;ssl=1 300w, https:\/\/i0.wp.com\/itayachtscanada.com\/wp-content\/uploads\/2025\/12\/Capture-decran-le-2025-12-02-a-10.04.04.jpg?resize=1024%2C684&amp;ssl=1 1024w, https:\/\/i0.wp.com\/itayachtscanada.com\/wp-content\/uploads\/2025\/12\/Capture-decran-le-2025-12-02-a-10.04.04.jpg?resize=768%2C513&amp;ssl=1 768w, https:\/\/i0.wp.com\/itayachtscanada.com\/wp-content\/uploads\/2025\/12\/Capture-decran-le-2025-12-02-a-10.04.04.jpg?resize=700%2C468&amp;ssl=1 700w, https:\/\/i0.wp.com\/itayachtscanada.com\/wp-content\/uploads\/2025\/12\/Capture-decran-le-2025-12-02-a-10.04.04.jpg?resize=900%2C600&amp;ssl=1 900w, https:\/\/i0.wp.com\/itayachtscanada.com\/wp-content\/uploads\/2025\/12\/Capture-decran-le-2025-12-02-a-10.04.04.jpg?resize=598%2C400&amp;ssl=1 598w\" sizes=\"auto, (max-width: 300px) 100vw, 300px\" data-attachment-id=\"294111\" data-permalink=\"https:\/\/itayachtscanada.com\/fr\/listing\/sunseeker-76-yacht-2020-3295000-usd-for-sale\/capture-decran-le-2025-12-02-a-10-04-04\/\" data-orig-file=\"https:\/\/i0.wp.com\/itayachtscanada.com\/wp-content\/uploads\/2025\/12\/Capture-decran-le-2025-12-02-a-10.04.04.jpg?fit=1164%2C778&amp;ssl=1\" data-orig-size=\"1164,778\" data-comments-opened=\"1\" data-image-meta=\"{&quot;aperture&quot;:&quot;0&quot;,&quot;credit&quot;:&quot;&quot;,&quot;camera&quot;:&quot;&quot;,&quot;caption&quot;:&quot;&quot;,&quot;created_timestamp&quot;:&quot;0&quot;,&quot;copyright&quot;:&quot;&quot;,&quot;focal_length&quot;:&quot;0&quot;,&quot;iso&quot;:&quot;0&quot;,&quot;shutter_speed&quot;:&quot;0&quot;,&quot;title&quot;:&quot;&quot;,&quot;orientation&quot;:&quot;0&quot;}\" data-image-title=\"Capture d\u2019e\u0301cran, le 2025-12-02 a\u0300 10.04.04\" data-image-description=\"\" data-image-caption=\"\" data-large-file=\"https:\/\/i0.wp.com\/itayachtscanada.com\/wp-content\/uploads\/2025\/12\/Capture-decran-le-2025-12-02-a-10.04.04.jpg?fit=700%2C468&amp;ssl=1\" \/><\/a>\n\t\t\t<\/div><\/figure><figure class='gallery-item'>\n\t\t\t<div class='gallery-icon portrait'>\n\t\t\t\t<a href='https:\/\/itayachtscanada.com\/fr\/listing\/sunseeker-76-yacht-2020-3295000-usd-for-sale\/capture-decran-le-2025-12-02-a-10-01-42\/'><img loading=\"lazy\" decoding=\"async\" width=\"197\" height=\"300\" src=\"https:\/\/i0.wp.com\/itayachtscanada.com\/wp-content\/uploads\/2025\/12\/Capture-decran-le-2025-12-02-a-10.01.42.jpg?fit=197%2C300&amp;ssl=1\" class=\"attachment-medium size-medium\" alt=\"\" srcset=\"https:\/\/i0.wp.com\/itayachtscanada.com\/wp-content\/uploads\/2025\/12\/Capture-decran-le-2025-12-02-a-10.01.42.jpg?w=510&amp;ssl=1 510w, https:\/\/i0.wp.com\/itayachtscanada.com\/wp-content\/uploads\/2025\/12\/Capture-decran-le-2025-12-02-a-10.01.42.jpg?resize=197%2C300&amp;ssl=1 197w, https:\/\/i0.wp.com\/itayachtscanada.com\/wp-content\/uploads\/2025\/12\/Capture-decran-le-2025-12-02-a-10.01.42.jpg?resize=262%2C400&amp;ssl=1 262w\" sizes=\"auto, (max-width: 197px) 100vw, 197px\" data-attachment-id=\"294125\" data-permalink=\"https:\/\/itayachtscanada.com\/fr\/listing\/sunseeker-76-yacht-2020-3295000-usd-for-sale\/capture-decran-le-2025-12-02-a-10-01-42\/\" data-orig-file=\"https:\/\/i0.wp.com\/itayachtscanada.com\/wp-content\/uploads\/2025\/12\/Capture-decran-le-2025-12-02-a-10.01.42.jpg?fit=510%2C778&amp;ssl=1\" data-orig-size=\"510,778\" data-comments-opened=\"1\" data-image-meta=\"{&quot;aperture&quot;:&quot;0&quot;,&quot;credit&quot;:&quot;&quot;,&quot;camera&quot;:&quot;&quot;,&quot;caption&quot;:&quot;&quot;,&quot;created_timestamp&quot;:&quot;0&quot;,&quot;copyright&quot;:&quot;&quot;,&quot;focal_length&quot;:&quot;0&quot;,&quot;iso&quot;:&quot;0&quot;,&quot;shutter_speed&quot;:&quot;0&quot;,&quot;title&quot;:&quot;&quot;,&quot;orientation&quot;:&quot;0&quot;}\" data-image-title=\"Capture d\u2019e\u0301cran, le 2025-12-02 a\u0300 10.01.42\" data-image-description=\"\" data-image-caption=\"\" data-large-file=\"https:\/\/i0.wp.com\/itayachtscanada.com\/wp-content\/uploads\/2025\/12\/Capture-decran-le-2025-12-02-a-10.01.42.jpg?fit=510%2C778&amp;ssl=1\" \/><\/a>\n\t\t\t<\/div><\/figure><figure class='gallery-item'>\n\t\t\t<div class='gallery-icon landscape'>\n\t\t\t\t<a href='https:\/\/itayachtscanada.com\/fr\/listing\/sunseeker-76-yacht-2020-3295000-usd-for-sale\/capture-decran-le-2025-12-02-a-10-01-54\/'><img loading=\"lazy\" decoding=\"async\" width=\"300\" height=\"199\" src=\"https:\/\/i0.wp.com\/itayachtscanada.com\/wp-content\/uploads\/2025\/12\/Capture-decran-le-2025-12-02-a-10.01.54.jpg?fit=300%2C199&amp;ssl=1\" class=\"attachment-medium size-medium\" alt=\"\" srcset=\"https:\/\/i0.wp.com\/itayachtscanada.com\/wp-content\/uploads\/2025\/12\/Capture-decran-le-2025-12-02-a-10.01.54.jpg?w=1172&amp;ssl=1 1172w, https:\/\/i0.wp.com\/itayachtscanada.com\/wp-content\/uploads\/2025\/12\/Capture-decran-le-2025-12-02-a-10.01.54.jpg?resize=300%2C199&amp;ssl=1 300w, https:\/\/i0.wp.com\/itayachtscanada.com\/wp-content\/uploads\/2025\/12\/Capture-decran-le-2025-12-02-a-10.01.54.jpg?resize=1024%2C680&amp;ssl=1 1024w, https:\/\/i0.wp.com\/itayachtscanada.com\/wp-content\/uploads\/2025\/12\/Capture-decran-le-2025-12-02-a-10.01.54.jpg?resize=768%2C510&amp;ssl=1 768w, https:\/\/i0.wp.com\/itayachtscanada.com\/wp-content\/uploads\/2025\/12\/Capture-decran-le-2025-12-02-a-10.01.54.jpg?resize=700%2C465&amp;ssl=1 700w, https:\/\/i0.wp.com\/itayachtscanada.com\/wp-content\/uploads\/2025\/12\/Capture-decran-le-2025-12-02-a-10.01.54.jpg?resize=900%2C600&amp;ssl=1 900w, https:\/\/i0.wp.com\/itayachtscanada.com\/wp-content\/uploads\/2025\/12\/Capture-decran-le-2025-12-02-a-10.01.54.jpg?resize=603%2C400&amp;ssl=1 603w\" sizes=\"auto, (max-width: 300px) 100vw, 300px\" data-attachment-id=\"294124\" data-permalink=\"https:\/\/itayachtscanada.com\/fr\/listing\/sunseeker-76-yacht-2020-3295000-usd-for-sale\/capture-decran-le-2025-12-02-a-10-01-54\/\" data-orig-file=\"https:\/\/i0.wp.com\/itayachtscanada.com\/wp-content\/uploads\/2025\/12\/Capture-decran-le-2025-12-02-a-10.01.54.jpg?fit=1172%2C778&amp;ssl=1\" data-orig-size=\"1172,778\" data-comments-opened=\"1\" data-image-meta=\"{&quot;aperture&quot;:&quot;0&quot;,&quot;credit&quot;:&quot;&quot;,&quot;camera&quot;:&quot;&quot;,&quot;caption&quot;:&quot;&quot;,&quot;created_timestamp&quot;:&quot;0&quot;,&quot;copyright&quot;:&quot;&quot;,&quot;focal_length&quot;:&quot;0&quot;,&quot;iso&quot;:&quot;0&quot;,&quot;shutter_speed&quot;:&quot;0&quot;,&quot;title&quot;:&quot;&quot;,&quot;orientation&quot;:&quot;0&quot;}\" data-image-title=\"Capture d\u2019e\u0301cran, le 2025-12-02 a\u0300 10.01.54\" data-image-description=\"\" data-image-caption=\"\" data-large-file=\"https:\/\/i0.wp.com\/itayachtscanada.com\/wp-content\/uploads\/2025\/12\/Capture-decran-le-2025-12-02-a-10.01.54.jpg?fit=700%2C465&amp;ssl=1\" \/><\/a>\n\t\t\t<\/div><\/figure><figure class='gallery-item'>\n\t\t\t<div class='gallery-icon landscape'>\n\t\t\t\t<a href='https:\/\/itayachtscanada.com\/fr\/listing\/sunseeker-76-yacht-2020-3295000-usd-for-sale\/capture-decran-le-2025-12-02-a-10-02-02\/'><img loading=\"lazy\" decoding=\"async\" width=\"300\" height=\"199\" src=\"https:\/\/i0.wp.com\/itayachtscanada.com\/wp-content\/uploads\/2025\/12\/Capture-decran-le-2025-12-02-a-10.02.02.jpg?fit=300%2C199&amp;ssl=1\" class=\"attachment-medium size-medium\" alt=\"\" srcset=\"https:\/\/i0.wp.com\/itayachtscanada.com\/wp-content\/uploads\/2025\/12\/Capture-decran-le-2025-12-02-a-10.02.02.jpg?w=1172&amp;ssl=1 1172w, https:\/\/i0.wp.com\/itayachtscanada.com\/wp-content\/uploads\/2025\/12\/Capture-decran-le-2025-12-02-a-10.02.02.jpg?resize=300%2C199&amp;ssl=1 300w, https:\/\/i0.wp.com\/itayachtscanada.com\/wp-content\/uploads\/2025\/12\/Capture-decran-le-2025-12-02-a-10.02.02.jpg?resize=1024%2C680&amp;ssl=1 1024w, https:\/\/i0.wp.com\/itayachtscanada.com\/wp-content\/uploads\/2025\/12\/Capture-decran-le-2025-12-02-a-10.02.02.jpg?resize=768%2C510&amp;ssl=1 768w, https:\/\/i0.wp.com\/itayachtscanada.com\/wp-content\/uploads\/2025\/12\/Capture-decran-le-2025-12-02-a-10.02.02.jpg?resize=700%2C465&amp;ssl=1 700w, https:\/\/i0.wp.com\/itayachtscanada.com\/wp-content\/uploads\/2025\/12\/Capture-decran-le-2025-12-02-a-10.02.02.jpg?resize=900%2C600&amp;ssl=1 900w, https:\/\/i0.wp.com\/itayachtscanada.com\/wp-content\/uploads\/2025\/12\/Capture-decran-le-2025-12-02-a-10.02.02.jpg?resize=603%2C400&amp;ssl=1 603w\" sizes=\"auto, (max-width: 300px) 100vw, 300px\" data-attachment-id=\"294123\" data-permalink=\"https:\/\/itayachtscanada.com\/fr\/listing\/sunseeker-76-yacht-2020-3295000-usd-for-sale\/capture-decran-le-2025-12-02-a-10-02-02\/\" data-orig-file=\"https:\/\/i0.wp.com\/itayachtscanada.com\/wp-content\/uploads\/2025\/12\/Capture-decran-le-2025-12-02-a-10.02.02.jpg?fit=1172%2C778&amp;ssl=1\" data-orig-size=\"1172,778\" data-comments-opened=\"1\" data-image-meta=\"{&quot;aperture&quot;:&quot;0&quot;,&quot;credit&quot;:&quot;&quot;,&quot;camera&quot;:&quot;&quot;,&quot;caption&quot;:&quot;&quot;,&quot;created_timestamp&quot;:&quot;0&quot;,&quot;copyright&quot;:&quot;&quot;,&quot;focal_length&quot;:&quot;0&quot;,&quot;iso&quot;:&quot;0&quot;,&quot;shutter_speed&quot;:&quot;0&quot;,&quot;title&quot;:&quot;&quot;,&quot;orientation&quot;:&quot;0&quot;}\" data-image-title=\"Capture d\u2019e\u0301cran, le 2025-12-02 a\u0300 10.02.02\" data-image-description=\"\" data-image-caption=\"\" data-large-file=\"https:\/\/i0.wp.com\/itayachtscanada.com\/wp-content\/uploads\/2025\/12\/Capture-decran-le-2025-12-02-a-10.02.02.jpg?fit=700%2C465&amp;ssl=1\" \/><\/a>\n\t\t\t<\/div><\/figure><figure class='gallery-item'>\n\t\t\t<div class='gallery-icon landscape'>\n\t\t\t\t<a href='https:\/\/itayachtscanada.com\/fr\/listing\/sunseeker-76-yacht-2020-3295000-usd-for-sale\/capture-decran-le-2025-12-02-a-10-02-20\/'><img loading=\"lazy\" decoding=\"async\" width=\"300\" height=\"199\" src=\"https:\/\/i0.wp.com\/itayachtscanada.com\/wp-content\/uploads\/2025\/12\/Capture-decran-le-2025-12-02-a-10.02.20.jpg?fit=300%2C199&amp;ssl=1\" class=\"attachment-medium size-medium\" alt=\"\" srcset=\"https:\/\/i0.wp.com\/itayachtscanada.com\/wp-content\/uploads\/2025\/12\/Capture-decran-le-2025-12-02-a-10.02.20.jpg?w=1172&amp;ssl=1 1172w, https:\/\/i0.wp.com\/itayachtscanada.com\/wp-content\/uploads\/2025\/12\/Capture-decran-le-2025-12-02-a-10.02.20.jpg?resize=300%2C199&amp;ssl=1 300w, https:\/\/i0.wp.com\/itayachtscanada.com\/wp-content\/uploads\/2025\/12\/Capture-decran-le-2025-12-02-a-10.02.20.jpg?resize=1024%2C680&amp;ssl=1 1024w, https:\/\/i0.wp.com\/itayachtscanada.com\/wp-content\/uploads\/2025\/12\/Capture-decran-le-2025-12-02-a-10.02.20.jpg?resize=768%2C510&amp;ssl=1 768w, https:\/\/i0.wp.com\/itayachtscanada.com\/wp-content\/uploads\/2025\/12\/Capture-decran-le-2025-12-02-a-10.02.20.jpg?resize=700%2C465&amp;ssl=1 700w, https:\/\/i0.wp.com\/itayachtscanada.com\/wp-content\/uploads\/2025\/12\/Capture-decran-le-2025-12-02-a-10.02.20.jpg?resize=900%2C600&amp;ssl=1 900w, https:\/\/i0.wp.com\/itayachtscanada.com\/wp-content\/uploads\/2025\/12\/Capture-decran-le-2025-12-02-a-10.02.20.jpg?resize=603%2C400&amp;ssl=1 603w\" sizes=\"auto, (max-width: 300px) 100vw, 300px\" data-attachment-id=\"294122\" data-permalink=\"https:\/\/itayachtscanada.com\/fr\/listing\/sunseeker-76-yacht-2020-3295000-usd-for-sale\/capture-decran-le-2025-12-02-a-10-02-20\/\" data-orig-file=\"https:\/\/i0.wp.com\/itayachtscanada.com\/wp-content\/uploads\/2025\/12\/Capture-decran-le-2025-12-02-a-10.02.20.jpg?fit=1172%2C778&amp;ssl=1\" data-orig-size=\"1172,778\" data-comments-opened=\"1\" data-image-meta=\"{&quot;aperture&quot;:&quot;0&quot;,&quot;credit&quot;:&quot;&quot;,&quot;camera&quot;:&quot;&quot;,&quot;caption&quot;:&quot;&quot;,&quot;created_timestamp&quot;:&quot;0&quot;,&quot;copyright&quot;:&quot;&quot;,&quot;focal_length&quot;:&quot;0&quot;,&quot;iso&quot;:&quot;0&quot;,&quot;shutter_speed&quot;:&quot;0&quot;,&quot;title&quot;:&quot;&quot;,&quot;orientation&quot;:&quot;0&quot;}\" data-image-title=\"Capture d\u2019e\u0301cran, le 2025-12-02 a\u0300 10.02.20\" data-image-description=\"\" data-image-caption=\"\" data-large-file=\"https:\/\/i0.wp.com\/itayachtscanada.com\/wp-content\/uploads\/2025\/12\/Capture-decran-le-2025-12-02-a-10.02.20.jpg?fit=700%2C465&amp;ssl=1\" \/><\/a>\n\t\t\t<\/div><\/figure><figure class='gallery-item'>\n\t\t\t<div class='gallery-icon landscape'>\n\t\t\t\t<a href='https:\/\/itayachtscanada.com\/fr\/listing\/sunseeker-76-yacht-2020-3295000-usd-for-sale\/capture-decran-le-2025-12-02-a-10-02-27\/'><img loading=\"lazy\" decoding=\"async\" width=\"300\" height=\"199\" src=\"https:\/\/i0.wp.com\/itayachtscanada.com\/wp-content\/uploads\/2025\/12\/Capture-decran-le-2025-12-02-a-10.02.27.jpg?fit=300%2C199&amp;ssl=1\" class=\"attachment-medium size-medium\" alt=\"\" srcset=\"https:\/\/i0.wp.com\/itayachtscanada.com\/wp-content\/uploads\/2025\/12\/Capture-decran-le-2025-12-02-a-10.02.27.jpg?w=1172&amp;ssl=1 1172w, https:\/\/i0.wp.com\/itayachtscanada.com\/wp-content\/uploads\/2025\/12\/Capture-decran-le-2025-12-02-a-10.02.27.jpg?resize=300%2C199&amp;ssl=1 300w, https:\/\/i0.wp.com\/itayachtscanada.com\/wp-content\/uploads\/2025\/12\/Capture-decran-le-2025-12-02-a-10.02.27.jpg?resize=1024%2C680&amp;ssl=1 1024w, https:\/\/i0.wp.com\/itayachtscanada.com\/wp-content\/uploads\/2025\/12\/Capture-decran-le-2025-12-02-a-10.02.27.jpg?resize=768%2C510&amp;ssl=1 768w, https:\/\/i0.wp.com\/itayachtscanada.com\/wp-content\/uploads\/2025\/12\/Capture-decran-le-2025-12-02-a-10.02.27.jpg?resize=700%2C465&amp;ssl=1 700w, https:\/\/i0.wp.com\/itayachtscanada.com\/wp-content\/uploads\/2025\/12\/Capture-decran-le-2025-12-02-a-10.02.27.jpg?resize=900%2C600&amp;ssl=1 900w, https:\/\/i0.wp.com\/itayachtscanada.com\/wp-content\/uploads\/2025\/12\/Capture-decran-le-2025-12-02-a-10.02.27.jpg?resize=603%2C400&amp;ssl=1 603w\" sizes=\"auto, (max-width: 300px) 100vw, 300px\" data-attachment-id=\"294121\" data-permalink=\"https:\/\/itayachtscanada.com\/fr\/listing\/sunseeker-76-yacht-2020-3295000-usd-for-sale\/capture-decran-le-2025-12-02-a-10-02-27\/\" data-orig-file=\"https:\/\/i0.wp.com\/itayachtscanada.com\/wp-content\/uploads\/2025\/12\/Capture-decran-le-2025-12-02-a-10.02.27.jpg?fit=1172%2C778&amp;ssl=1\" data-orig-size=\"1172,778\" data-comments-opened=\"1\" data-image-meta=\"{&quot;aperture&quot;:&quot;0&quot;,&quot;credit&quot;:&quot;&quot;,&quot;camera&quot;:&quot;&quot;,&quot;caption&quot;:&quot;&quot;,&quot;created_timestamp&quot;:&quot;0&quot;,&quot;copyright&quot;:&quot;&quot;,&quot;focal_length&quot;:&quot;0&quot;,&quot;iso&quot;:&quot;0&quot;,&quot;shutter_speed&quot;:&quot;0&quot;,&quot;title&quot;:&quot;&quot;,&quot;orientation&quot;:&quot;0&quot;}\" data-image-title=\"Capture d\u2019e\u0301cran, le 2025-12-02 a\u0300 10.02.27\" data-image-description=\"\" data-image-caption=\"\" data-large-file=\"https:\/\/i0.wp.com\/itayachtscanada.com\/wp-content\/uploads\/2025\/12\/Capture-decran-le-2025-12-02-a-10.02.27.jpg?fit=700%2C465&amp;ssl=1\" \/><\/a>\n\t\t\t<\/div><\/figure><figure class='gallery-item'>\n\t\t\t<div class='gallery-icon landscape'>\n\t\t\t\t<a href='https:\/\/itayachtscanada.com\/fr\/listing\/sunseeker-76-yacht-2020-3295000-usd-for-sale\/capture-decran-le-2025-12-02-a-10-02-48\/'><img loading=\"lazy\" decoding=\"async\" width=\"300\" height=\"199\" src=\"https:\/\/i0.wp.com\/itayachtscanada.com\/wp-content\/uploads\/2025\/12\/Capture-decran-le-2025-12-02-a-10.02.48.jpg?fit=300%2C199&amp;ssl=1\" class=\"attachment-medium size-medium\" alt=\"\" srcset=\"https:\/\/i0.wp.com\/itayachtscanada.com\/wp-content\/uploads\/2025\/12\/Capture-decran-le-2025-12-02-a-10.02.48.jpg?w=1174&amp;ssl=1 1174w, https:\/\/i0.wp.com\/itayachtscanada.com\/wp-content\/uploads\/2025\/12\/Capture-decran-le-2025-12-02-a-10.02.48.jpg?resize=300%2C199&amp;ssl=1 300w, https:\/\/i0.wp.com\/itayachtscanada.com\/wp-content\/uploads\/2025\/12\/Capture-decran-le-2025-12-02-a-10.02.48.jpg?resize=1024%2C679&amp;ssl=1 1024w, https:\/\/i0.wp.com\/itayachtscanada.com\/wp-content\/uploads\/2025\/12\/Capture-decran-le-2025-12-02-a-10.02.48.jpg?resize=768%2C509&amp;ssl=1 768w, https:\/\/i0.wp.com\/itayachtscanada.com\/wp-content\/uploads\/2025\/12\/Capture-decran-le-2025-12-02-a-10.02.48.jpg?resize=700%2C464&amp;ssl=1 700w, https:\/\/i0.wp.com\/itayachtscanada.com\/wp-content\/uploads\/2025\/12\/Capture-decran-le-2025-12-02-a-10.02.48.jpg?resize=900%2C600&amp;ssl=1 900w, https:\/\/i0.wp.com\/itayachtscanada.com\/wp-content\/uploads\/2025\/12\/Capture-decran-le-2025-12-02-a-10.02.48.jpg?resize=604%2C400&amp;ssl=1 604w\" sizes=\"auto, (max-width: 300px) 100vw, 300px\" data-attachment-id=\"294120\" data-permalink=\"https:\/\/itayachtscanada.com\/fr\/listing\/sunseeker-76-yacht-2020-3295000-usd-for-sale\/capture-decran-le-2025-12-02-a-10-02-48\/\" data-orig-file=\"https:\/\/i0.wp.com\/itayachtscanada.com\/wp-content\/uploads\/2025\/12\/Capture-decran-le-2025-12-02-a-10.02.48.jpg?fit=1174%2C778&amp;ssl=1\" data-orig-size=\"1174,778\" data-comments-opened=\"1\" data-image-meta=\"{&quot;aperture&quot;:&quot;0&quot;,&quot;credit&quot;:&quot;&quot;,&quot;camera&quot;:&quot;&quot;,&quot;caption&quot;:&quot;&quot;,&quot;created_timestamp&quot;:&quot;0&quot;,&quot;copyright&quot;:&quot;&quot;,&quot;focal_length&quot;:&quot;0&quot;,&quot;iso&quot;:&quot;0&quot;,&quot;shutter_speed&quot;:&quot;0&quot;,&quot;title&quot;:&quot;&quot;,&quot;orientation&quot;:&quot;0&quot;}\" data-image-title=\"Capture d\u2019e\u0301cran, le 2025-12-02 a\u0300 10.02.48\" data-image-description=\"\" data-image-caption=\"\" data-large-file=\"https:\/\/i0.wp.com\/itayachtscanada.com\/wp-content\/uploads\/2025\/12\/Capture-decran-le-2025-12-02-a-10.02.48.jpg?fit=700%2C464&amp;ssl=1\" \/><\/a>\n\t\t\t<\/div><\/figure><figure class='gallery-item'>\n\t\t\t<div class='gallery-icon portrait'>\n\t\t\t\t<a href='https:\/\/itayachtscanada.com\/fr\/listing\/sunseeker-76-yacht-2020-3295000-usd-for-sale\/capture-decran-le-2025-12-02-a-10-03-45\/'><img loading=\"lazy\" decoding=\"async\" width=\"236\" height=\"300\" src=\"https:\/\/i0.wp.com\/itayachtscanada.com\/wp-content\/uploads\/2025\/12\/Capture-decran-le-2025-12-02-a-10.03.45.jpg?fit=236%2C300&amp;ssl=1\" class=\"attachment-medium size-medium\" alt=\"\" srcset=\"https:\/\/i0.wp.com\/itayachtscanada.com\/wp-content\/uploads\/2025\/12\/Capture-decran-le-2025-12-02-a-10.03.45.jpg?w=612&amp;ssl=1 612w, https:\/\/i0.wp.com\/itayachtscanada.com\/wp-content\/uploads\/2025\/12\/Capture-decran-le-2025-12-02-a-10.03.45.jpg?resize=236%2C300&amp;ssl=1 236w, https:\/\/i0.wp.com\/itayachtscanada.com\/wp-content\/uploads\/2025\/12\/Capture-decran-le-2025-12-02-a-10.03.45.jpg?resize=315%2C400&amp;ssl=1 315w\" sizes=\"auto, (max-width: 236px) 100vw, 236px\" data-attachment-id=\"294112\" data-permalink=\"https:\/\/itayachtscanada.com\/fr\/listing\/sunseeker-76-yacht-2020-3295000-usd-for-sale\/capture-decran-le-2025-12-02-a-10-03-45\/\" data-orig-file=\"https:\/\/i0.wp.com\/itayachtscanada.com\/wp-content\/uploads\/2025\/12\/Capture-decran-le-2025-12-02-a-10.03.45.jpg?fit=612%2C778&amp;ssl=1\" data-orig-size=\"612,778\" data-comments-opened=\"1\" data-image-meta=\"{&quot;aperture&quot;:&quot;0&quot;,&quot;credit&quot;:&quot;&quot;,&quot;camera&quot;:&quot;&quot;,&quot;caption&quot;:&quot;&quot;,&quot;created_timestamp&quot;:&quot;0&quot;,&quot;copyright&quot;:&quot;&quot;,&quot;focal_length&quot;:&quot;0&quot;,&quot;iso&quot;:&quot;0&quot;,&quot;shutter_speed&quot;:&quot;0&quot;,&quot;title&quot;:&quot;&quot;,&quot;orientation&quot;:&quot;0&quot;}\" data-image-title=\"Capture d\u2019e\u0301cran, le 2025-12-02 a\u0300 10.03.45\" data-image-description=\"\" data-image-caption=\"\" data-large-file=\"https:\/\/i0.wp.com\/itayachtscanada.com\/wp-content\/uploads\/2025\/12\/Capture-decran-le-2025-12-02-a-10.03.45.jpg?fit=612%2C778&amp;ssl=1\" \/><\/a>\n\t\t\t<\/div><\/figure><figure class='gallery-item'>\n\t\t\t<div class='gallery-icon landscape'>\n\t\t\t\t<a href='https:\/\/itayachtscanada.com\/fr\/listing\/sunseeker-76-yacht-2020-3295000-usd-for-sale\/capture-decran-le-2025-12-02-a-10-03-41\/'><img loading=\"lazy\" decoding=\"async\" width=\"300\" height=\"201\" src=\"https:\/\/i0.wp.com\/itayachtscanada.com\/wp-content\/uploads\/2025\/12\/Capture-decran-le-2025-12-02-a-10.03.41.jpg?fit=300%2C201&amp;ssl=1\" class=\"attachment-medium size-medium\" alt=\"\" srcset=\"https:\/\/i0.wp.com\/itayachtscanada.com\/wp-content\/uploads\/2025\/12\/Capture-decran-le-2025-12-02-a-10.03.41.jpg?w=1164&amp;ssl=1 1164w, https:\/\/i0.wp.com\/itayachtscanada.com\/wp-content\/uploads\/2025\/12\/Capture-decran-le-2025-12-02-a-10.03.41.jpg?resize=300%2C201&amp;ssl=1 300w, https:\/\/i0.wp.com\/itayachtscanada.com\/wp-content\/uploads\/2025\/12\/Capture-decran-le-2025-12-02-a-10.03.41.jpg?resize=1024%2C684&amp;ssl=1 1024w, https:\/\/i0.wp.com\/itayachtscanada.com\/wp-content\/uploads\/2025\/12\/Capture-decran-le-2025-12-02-a-10.03.41.jpg?resize=768%2C513&amp;ssl=1 768w, https:\/\/i0.wp.com\/itayachtscanada.com\/wp-content\/uploads\/2025\/12\/Capture-decran-le-2025-12-02-a-10.03.41.jpg?resize=700%2C468&amp;ssl=1 700w, https:\/\/i0.wp.com\/itayachtscanada.com\/wp-content\/uploads\/2025\/12\/Capture-decran-le-2025-12-02-a-10.03.41.jpg?resize=900%2C600&amp;ssl=1 900w, https:\/\/i0.wp.com\/itayachtscanada.com\/wp-content\/uploads\/2025\/12\/Capture-decran-le-2025-12-02-a-10.03.41.jpg?resize=598%2C400&amp;ssl=1 598w\" sizes=\"auto, (max-width: 300px) 100vw, 300px\" data-attachment-id=\"294113\" data-permalink=\"https:\/\/itayachtscanada.com\/fr\/listing\/sunseeker-76-yacht-2020-3295000-usd-for-sale\/capture-decran-le-2025-12-02-a-10-03-41\/\" data-orig-file=\"https:\/\/i0.wp.com\/itayachtscanada.com\/wp-content\/uploads\/2025\/12\/Capture-decran-le-2025-12-02-a-10.03.41.jpg?fit=1164%2C778&amp;ssl=1\" data-orig-size=\"1164,778\" data-comments-opened=\"1\" data-image-meta=\"{&quot;aperture&quot;:&quot;0&quot;,&quot;credit&quot;:&quot;&quot;,&quot;camera&quot;:&quot;&quot;,&quot;caption&quot;:&quot;&quot;,&quot;created_timestamp&quot;:&quot;0&quot;,&quot;copyright&quot;:&quot;&quot;,&quot;focal_length&quot;:&quot;0&quot;,&quot;iso&quot;:&quot;0&quot;,&quot;shutter_speed&quot;:&quot;0&quot;,&quot;title&quot;:&quot;&quot;,&quot;orientation&quot;:&quot;0&quot;}\" data-image-title=\"Capture d\u2019e\u0301cran, le 2025-12-02 a\u0300 10.03.41\" data-image-description=\"\" data-image-caption=\"\" data-large-file=\"https:\/\/i0.wp.com\/itayachtscanada.com\/wp-content\/uploads\/2025\/12\/Capture-decran-le-2025-12-02-a-10.03.41.jpg?fit=700%2C468&amp;ssl=1\" \/><\/a>\n\t\t\t<\/div><\/figure><figure class='gallery-item'>\n\t\t\t<div class='gallery-icon landscape'>\n\t\t\t\t<a href='https:\/\/itayachtscanada.com\/fr\/listing\/sunseeker-76-yacht-2020-3295000-usd-for-sale\/capture-decran-le-2025-12-02-a-10-03-38\/'><img loading=\"lazy\" decoding=\"async\" width=\"300\" height=\"201\" src=\"https:\/\/i0.wp.com\/itayachtscanada.com\/wp-content\/uploads\/2025\/12\/Capture-decran-le-2025-12-02-a-10.03.38.jpg?fit=300%2C201&amp;ssl=1\" class=\"attachment-medium size-medium\" alt=\"\" srcset=\"https:\/\/i0.wp.com\/itayachtscanada.com\/wp-content\/uploads\/2025\/12\/Capture-decran-le-2025-12-02-a-10.03.38.jpg?w=1164&amp;ssl=1 1164w, https:\/\/i0.wp.com\/itayachtscanada.com\/wp-content\/uploads\/2025\/12\/Capture-decran-le-2025-12-02-a-10.03.38.jpg?resize=300%2C201&amp;ssl=1 300w, https:\/\/i0.wp.com\/itayachtscanada.com\/wp-content\/uploads\/2025\/12\/Capture-decran-le-2025-12-02-a-10.03.38.jpg?resize=1024%2C684&amp;ssl=1 1024w, https:\/\/i0.wp.com\/itayachtscanada.com\/wp-content\/uploads\/2025\/12\/Capture-decran-le-2025-12-02-a-10.03.38.jpg?resize=768%2C513&amp;ssl=1 768w, https:\/\/i0.wp.com\/itayachtscanada.com\/wp-content\/uploads\/2025\/12\/Capture-decran-le-2025-12-02-a-10.03.38.jpg?resize=700%2C468&amp;ssl=1 700w, https:\/\/i0.wp.com\/itayachtscanada.com\/wp-content\/uploads\/2025\/12\/Capture-decran-le-2025-12-02-a-10.03.38.jpg?resize=900%2C600&amp;ssl=1 900w, https:\/\/i0.wp.com\/itayachtscanada.com\/wp-content\/uploads\/2025\/12\/Capture-decran-le-2025-12-02-a-10.03.38.jpg?resize=598%2C400&amp;ssl=1 598w\" sizes=\"auto, (max-width: 300px) 100vw, 300px\" data-attachment-id=\"294114\" data-permalink=\"https:\/\/itayachtscanada.com\/fr\/listing\/sunseeker-76-yacht-2020-3295000-usd-for-sale\/capture-decran-le-2025-12-02-a-10-03-38\/\" data-orig-file=\"https:\/\/i0.wp.com\/itayachtscanada.com\/wp-content\/uploads\/2025\/12\/Capture-decran-le-2025-12-02-a-10.03.38.jpg?fit=1164%2C778&amp;ssl=1\" data-orig-size=\"1164,778\" data-comments-opened=\"1\" data-image-meta=\"{&quot;aperture&quot;:&quot;0&quot;,&quot;credit&quot;:&quot;&quot;,&quot;camera&quot;:&quot;&quot;,&quot;caption&quot;:&quot;&quot;,&quot;created_timestamp&quot;:&quot;0&quot;,&quot;copyright&quot;:&quot;&quot;,&quot;focal_length&quot;:&quot;0&quot;,&quot;iso&quot;:&quot;0&quot;,&quot;shutter_speed&quot;:&quot;0&quot;,&quot;title&quot;:&quot;&quot;,&quot;orientation&quot;:&quot;0&quot;}\" data-image-title=\"Capture d\u2019e\u0301cran, le 2025-12-02 a\u0300 10.03.38\" data-image-description=\"\" data-image-caption=\"\" data-large-file=\"https:\/\/i0.wp.com\/itayachtscanada.com\/wp-content\/uploads\/2025\/12\/Capture-decran-le-2025-12-02-a-10.03.38.jpg?fit=700%2C468&amp;ssl=1\" \/><\/a>\n\t\t\t<\/div><\/figure><figure class='gallery-item'>\n\t\t\t<div class='gallery-icon portrait'>\n\t\t\t\t<a href='https:\/\/itayachtscanada.com\/fr\/listing\/sunseeker-76-yacht-2020-3295000-usd-for-sale\/capture-decran-le-2025-12-02-a-10-03-17\/'><img loading=\"lazy\" decoding=\"async\" width=\"198\" height=\"300\" src=\"https:\/\/i0.wp.com\/itayachtscanada.com\/wp-content\/uploads\/2025\/12\/Capture-decran-le-2025-12-02-a-10.03.17.jpg?fit=198%2C300&amp;ssl=1\" class=\"attachment-medium size-medium\" alt=\"\" srcset=\"https:\/\/i0.wp.com\/itayachtscanada.com\/wp-content\/uploads\/2025\/12\/Capture-decran-le-2025-12-02-a-10.03.17.jpg?w=514&amp;ssl=1 514w, https:\/\/i0.wp.com\/itayachtscanada.com\/wp-content\/uploads\/2025\/12\/Capture-decran-le-2025-12-02-a-10.03.17.jpg?resize=198%2C300&amp;ssl=1 198w, https:\/\/i0.wp.com\/itayachtscanada.com\/wp-content\/uploads\/2025\/12\/Capture-decran-le-2025-12-02-a-10.03.17.jpg?resize=264%2C400&amp;ssl=1 264w\" sizes=\"auto, (max-width: 198px) 100vw, 198px\" data-attachment-id=\"294115\" data-permalink=\"https:\/\/itayachtscanada.com\/fr\/listing\/sunseeker-76-yacht-2020-3295000-usd-for-sale\/capture-decran-le-2025-12-02-a-10-03-17\/\" data-orig-file=\"https:\/\/i0.wp.com\/itayachtscanada.com\/wp-content\/uploads\/2025\/12\/Capture-decran-le-2025-12-02-a-10.03.17.jpg?fit=514%2C778&amp;ssl=1\" data-orig-size=\"514,778\" data-comments-opened=\"1\" data-image-meta=\"{&quot;aperture&quot;:&quot;0&quot;,&quot;credit&quot;:&quot;&quot;,&quot;camera&quot;:&quot;&quot;,&quot;caption&quot;:&quot;&quot;,&quot;created_timestamp&quot;:&quot;0&quot;,&quot;copyright&quot;:&quot;&quot;,&quot;focal_length&quot;:&quot;0&quot;,&quot;iso&quot;:&quot;0&quot;,&quot;shutter_speed&quot;:&quot;0&quot;,&quot;title&quot;:&quot;&quot;,&quot;orientation&quot;:&quot;0&quot;}\" data-image-title=\"Capture d\u2019e\u0301cran, le 2025-12-02 a\u0300 10.03.17\" data-image-description=\"\" data-image-caption=\"\" data-large-file=\"https:\/\/i0.wp.com\/itayachtscanada.com\/wp-content\/uploads\/2025\/12\/Capture-decran-le-2025-12-02-a-10.03.17.jpg?fit=514%2C778&amp;ssl=1\" \/><\/a>\n\t\t\t<\/div><\/figure><figure class='gallery-item'>\n\t\t\t<div class='gallery-icon landscape'>\n\t\t\t\t<a href='https:\/\/itayachtscanada.com\/fr\/listing\/sunseeker-76-yacht-2020-3295000-usd-for-sale\/capture-decran-le-2025-12-02-a-10-03-12\/'><img loading=\"lazy\" decoding=\"async\" width=\"300\" height=\"199\" src=\"https:\/\/i0.wp.com\/itayachtscanada.com\/wp-content\/uploads\/2025\/12\/Capture-decran-le-2025-12-02-a-10.03.12.jpg?fit=300%2C199&amp;ssl=1\" class=\"attachment-medium size-medium\" alt=\"\" srcset=\"https:\/\/i0.wp.com\/itayachtscanada.com\/wp-content\/uploads\/2025\/12\/Capture-decran-le-2025-12-02-a-10.03.12.jpg?w=1174&amp;ssl=1 1174w, https:\/\/i0.wp.com\/itayachtscanada.com\/wp-content\/uploads\/2025\/12\/Capture-decran-le-2025-12-02-a-10.03.12.jpg?resize=300%2C199&amp;ssl=1 300w, https:\/\/i0.wp.com\/itayachtscanada.com\/wp-content\/uploads\/2025\/12\/Capture-decran-le-2025-12-02-a-10.03.12.jpg?resize=1024%2C679&amp;ssl=1 1024w, https:\/\/i0.wp.com\/itayachtscanada.com\/wp-content\/uploads\/2025\/12\/Capture-decran-le-2025-12-02-a-10.03.12.jpg?resize=768%2C509&amp;ssl=1 768w, https:\/\/i0.wp.com\/itayachtscanada.com\/wp-content\/uploads\/2025\/12\/Capture-decran-le-2025-12-02-a-10.03.12.jpg?resize=700%2C464&amp;ssl=1 700w, https:\/\/i0.wp.com\/itayachtscanada.com\/wp-content\/uploads\/2025\/12\/Capture-decran-le-2025-12-02-a-10.03.12.jpg?resize=900%2C600&amp;ssl=1 900w, https:\/\/i0.wp.com\/itayachtscanada.com\/wp-content\/uploads\/2025\/12\/Capture-decran-le-2025-12-02-a-10.03.12.jpg?resize=604%2C400&amp;ssl=1 604w\" sizes=\"auto, (max-width: 300px) 100vw, 300px\" data-attachment-id=\"294116\" data-permalink=\"https:\/\/itayachtscanada.com\/fr\/listing\/sunseeker-76-yacht-2020-3295000-usd-for-sale\/capture-decran-le-2025-12-02-a-10-03-12\/\" data-orig-file=\"https:\/\/i0.wp.com\/itayachtscanada.com\/wp-content\/uploads\/2025\/12\/Capture-decran-le-2025-12-02-a-10.03.12.jpg?fit=1174%2C778&amp;ssl=1\" data-orig-size=\"1174,778\" data-comments-opened=\"1\" data-image-meta=\"{&quot;aperture&quot;:&quot;0&quot;,&quot;credit&quot;:&quot;&quot;,&quot;camera&quot;:&quot;&quot;,&quot;caption&quot;:&quot;&quot;,&quot;created_timestamp&quot;:&quot;0&quot;,&quot;copyright&quot;:&quot;&quot;,&quot;focal_length&quot;:&quot;0&quot;,&quot;iso&quot;:&quot;0&quot;,&quot;shutter_speed&quot;:&quot;0&quot;,&quot;title&quot;:&quot;&quot;,&quot;orientation&quot;:&quot;0&quot;}\" data-image-title=\"Capture d\u2019e\u0301cran, le 2025-12-02 a\u0300 10.03.12\" data-image-description=\"\" data-image-caption=\"\" data-large-file=\"https:\/\/i0.wp.com\/itayachtscanada.com\/wp-content\/uploads\/2025\/12\/Capture-decran-le-2025-12-02-a-10.03.12.jpg?fit=700%2C464&amp;ssl=1\" \/><\/a>\n\t\t\t<\/div><\/figure><figure class='gallery-item'>\n\t\t\t<div class='gallery-icon landscape'>\n\t\t\t\t<a href='https:\/\/itayachtscanada.com\/fr\/listing\/sunseeker-76-yacht-2020-3295000-usd-for-sale\/capture-decran-le-2025-12-02-a-10-01-35\/'><img loading=\"lazy\" decoding=\"async\" width=\"300\" height=\"200\" src=\"https:\/\/i0.wp.com\/itayachtscanada.com\/wp-content\/uploads\/2025\/12\/Capture-decran-le-2025-12-02-a-10.01.35.jpg?fit=300%2C200&amp;ssl=1\" class=\"attachment-medium size-medium\" alt=\"\" srcset=\"https:\/\/i0.wp.com\/itayachtscanada.com\/wp-content\/uploads\/2025\/12\/Capture-decran-le-2025-12-02-a-10.01.35.jpg?w=1168&amp;ssl=1 1168w, https:\/\/i0.wp.com\/itayachtscanada.com\/wp-content\/uploads\/2025\/12\/Capture-decran-le-2025-12-02-a-10.01.35.jpg?resize=300%2C200&amp;ssl=1 300w, https:\/\/i0.wp.com\/itayachtscanada.com\/wp-content\/uploads\/2025\/12\/Capture-decran-le-2025-12-02-a-10.01.35.jpg?resize=1024%2C682&amp;ssl=1 1024w, https:\/\/i0.wp.com\/itayachtscanada.com\/wp-content\/uploads\/2025\/12\/Capture-decran-le-2025-12-02-a-10.01.35.jpg?resize=768%2C512&amp;ssl=1 768w, https:\/\/i0.wp.com\/itayachtscanada.com\/wp-content\/uploads\/2025\/12\/Capture-decran-le-2025-12-02-a-10.01.35.jpg?resize=700%2C466&amp;ssl=1 700w, https:\/\/i0.wp.com\/itayachtscanada.com\/wp-content\/uploads\/2025\/12\/Capture-decran-le-2025-12-02-a-10.01.35.jpg?resize=900%2C600&amp;ssl=1 900w, https:\/\/i0.wp.com\/itayachtscanada.com\/wp-content\/uploads\/2025\/12\/Capture-decran-le-2025-12-02-a-10.01.35.jpg?resize=601%2C400&amp;ssl=1 601w\" sizes=\"auto, (max-width: 300px) 100vw, 300px\" data-attachment-id=\"294126\" data-permalink=\"https:\/\/itayachtscanada.com\/fr\/listing\/sunseeker-76-yacht-2020-3295000-usd-for-sale\/capture-decran-le-2025-12-02-a-10-01-35\/\" data-orig-file=\"https:\/\/i0.wp.com\/itayachtscanada.com\/wp-content\/uploads\/2025\/12\/Capture-decran-le-2025-12-02-a-10.01.35.jpg?fit=1168%2C778&amp;ssl=1\" data-orig-size=\"1168,778\" data-comments-opened=\"1\" data-image-meta=\"{&quot;aperture&quot;:&quot;0&quot;,&quot;credit&quot;:&quot;&quot;,&quot;camera&quot;:&quot;&quot;,&quot;caption&quot;:&quot;&quot;,&quot;created_timestamp&quot;:&quot;0&quot;,&quot;copyright&quot;:&quot;&quot;,&quot;focal_length&quot;:&quot;0&quot;,&quot;iso&quot;:&quot;0&quot;,&quot;shutter_speed&quot;:&quot;0&quot;,&quot;title&quot;:&quot;&quot;,&quot;orientation&quot;:&quot;0&quot;}\" data-image-title=\"Capture d\u2019e\u0301cran, le 2025-12-02 a\u0300 10.01.35\" data-image-description=\"\" data-image-caption=\"\" data-large-file=\"https:\/\/i0.wp.com\/itayachtscanada.com\/wp-content\/uploads\/2025\/12\/Capture-decran-le-2025-12-02-a-10.01.35.jpg?fit=700%2C466&amp;ssl=1\" \/><\/a>\n\t\t\t<\/div><\/figure><figure class='gallery-item'>\n\t\t\t<div class='gallery-icon landscape'>\n\t\t\t\t<a href='https:\/\/itayachtscanada.com\/fr\/listing\/sunseeker-76-yacht-2020-3295000-usd-for-sale\/capture-decran-le-2025-12-02-a-10-01-27\/'><img loading=\"lazy\" decoding=\"async\" width=\"300\" height=\"200\" src=\"https:\/\/i0.wp.com\/itayachtscanada.com\/wp-content\/uploads\/2025\/12\/Capture-decran-le-2025-12-02-a-10.01.27.jpg?fit=300%2C200&amp;ssl=1\" class=\"attachment-medium size-medium\" alt=\"\" srcset=\"https:\/\/i0.wp.com\/itayachtscanada.com\/wp-content\/uploads\/2025\/12\/Capture-decran-le-2025-12-02-a-10.01.27.jpg?w=1168&amp;ssl=1 1168w, https:\/\/i0.wp.com\/itayachtscanada.com\/wp-content\/uploads\/2025\/12\/Capture-decran-le-2025-12-02-a-10.01.27.jpg?resize=300%2C200&amp;ssl=1 300w, https:\/\/i0.wp.com\/itayachtscanada.com\/wp-content\/uploads\/2025\/12\/Capture-decran-le-2025-12-02-a-10.01.27.jpg?resize=1024%2C682&amp;ssl=1 1024w, https:\/\/i0.wp.com\/itayachtscanada.com\/wp-content\/uploads\/2025\/12\/Capture-decran-le-2025-12-02-a-10.01.27.jpg?resize=768%2C512&amp;ssl=1 768w, https:\/\/i0.wp.com\/itayachtscanada.com\/wp-content\/uploads\/2025\/12\/Capture-decran-le-2025-12-02-a-10.01.27.jpg?resize=700%2C466&amp;ssl=1 700w, https:\/\/i0.wp.com\/itayachtscanada.com\/wp-content\/uploads\/2025\/12\/Capture-decran-le-2025-12-02-a-10.01.27.jpg?resize=900%2C600&amp;ssl=1 900w, https:\/\/i0.wp.com\/itayachtscanada.com\/wp-content\/uploads\/2025\/12\/Capture-decran-le-2025-12-02-a-10.01.27.jpg?resize=601%2C400&amp;ssl=1 601w\" sizes=\"auto, (max-width: 300px) 100vw, 300px\" data-attachment-id=\"294127\" data-permalink=\"https:\/\/itayachtscanada.com\/fr\/listing\/sunseeker-76-yacht-2020-3295000-usd-for-sale\/capture-decran-le-2025-12-02-a-10-01-27\/\" data-orig-file=\"https:\/\/i0.wp.com\/itayachtscanada.com\/wp-content\/uploads\/2025\/12\/Capture-decran-le-2025-12-02-a-10.01.27.jpg?fit=1168%2C778&amp;ssl=1\" data-orig-size=\"1168,778\" data-comments-opened=\"1\" data-image-meta=\"{&quot;aperture&quot;:&quot;0&quot;,&quot;credit&quot;:&quot;&quot;,&quot;camera&quot;:&quot;&quot;,&quot;caption&quot;:&quot;&quot;,&quot;created_timestamp&quot;:&quot;0&quot;,&quot;copyright&quot;:&quot;&quot;,&quot;focal_length&quot;:&quot;0&quot;,&quot;iso&quot;:&quot;0&quot;,&quot;shutter_speed&quot;:&quot;0&quot;,&quot;title&quot;:&quot;&quot;,&quot;orientation&quot;:&quot;0&quot;}\" data-image-title=\"Capture d\u2019e\u0301cran, le 2025-12-02 a\u0300 10.01.27\" data-image-description=\"\" data-image-caption=\"\" data-large-file=\"https:\/\/i0.wp.com\/itayachtscanada.com\/wp-content\/uploads\/2025\/12\/Capture-decran-le-2025-12-02-a-10.01.27.jpg?fit=700%2C466&amp;ssl=1\" \/><\/a>\n\t\t\t<\/div><\/figure><figure class='gallery-item'>\n\t\t\t<div class='gallery-icon landscape'>\n\t\t\t\t<a href='https:\/\/itayachtscanada.com\/fr\/listing\/sunseeker-76-yacht-2020-3295000-usd-for-sale\/capture-decran-le-2025-12-02-a-10-01-17\/'><img loading=\"lazy\" decoding=\"async\" width=\"300\" height=\"200\" src=\"https:\/\/i0.wp.com\/itayachtscanada.com\/wp-content\/uploads\/2025\/12\/Capture-decran-le-2025-12-02-a-10.01.17.jpg?fit=300%2C200&amp;ssl=1\" class=\"attachment-medium size-medium\" alt=\"\" srcset=\"https:\/\/i0.wp.com\/itayachtscanada.com\/wp-content\/uploads\/2025\/12\/Capture-decran-le-2025-12-02-a-10.01.17.jpg?w=1168&amp;ssl=1 1168w, https:\/\/i0.wp.com\/itayachtscanada.com\/wp-content\/uploads\/2025\/12\/Capture-decran-le-2025-12-02-a-10.01.17.jpg?resize=300%2C200&amp;ssl=1 300w, https:\/\/i0.wp.com\/itayachtscanada.com\/wp-content\/uploads\/2025\/12\/Capture-decran-le-2025-12-02-a-10.01.17.jpg?resize=1024%2C682&amp;ssl=1 1024w, https:\/\/i0.wp.com\/itayachtscanada.com\/wp-content\/uploads\/2025\/12\/Capture-decran-le-2025-12-02-a-10.01.17.jpg?resize=768%2C512&amp;ssl=1 768w, https:\/\/i0.wp.com\/itayachtscanada.com\/wp-content\/uploads\/2025\/12\/Capture-decran-le-2025-12-02-a-10.01.17.jpg?resize=700%2C466&amp;ssl=1 700w, https:\/\/i0.wp.com\/itayachtscanada.com\/wp-content\/uploads\/2025\/12\/Capture-decran-le-2025-12-02-a-10.01.17.jpg?resize=900%2C600&amp;ssl=1 900w, https:\/\/i0.wp.com\/itayachtscanada.com\/wp-content\/uploads\/2025\/12\/Capture-decran-le-2025-12-02-a-10.01.17.jpg?resize=601%2C400&amp;ssl=1 601w\" sizes=\"auto, (max-width: 300px) 100vw, 300px\" data-attachment-id=\"294128\" data-permalink=\"https:\/\/itayachtscanada.com\/fr\/listing\/sunseeker-76-yacht-2020-3295000-usd-for-sale\/capture-decran-le-2025-12-02-a-10-01-17\/\" data-orig-file=\"https:\/\/i0.wp.com\/itayachtscanada.com\/wp-content\/uploads\/2025\/12\/Capture-decran-le-2025-12-02-a-10.01.17.jpg?fit=1168%2C778&amp;ssl=1\" data-orig-size=\"1168,778\" data-comments-opened=\"1\" data-image-meta=\"{&quot;aperture&quot;:&quot;0&quot;,&quot;credit&quot;:&quot;&quot;,&quot;camera&quot;:&quot;&quot;,&quot;caption&quot;:&quot;&quot;,&quot;created_timestamp&quot;:&quot;0&quot;,&quot;copyright&quot;:&quot;&quot;,&quot;focal_length&quot;:&quot;0&quot;,&quot;iso&quot;:&quot;0&quot;,&quot;shutter_speed&quot;:&quot;0&quot;,&quot;title&quot;:&quot;&quot;,&quot;orientation&quot;:&quot;0&quot;}\" data-image-title=\"Capture d\u2019e\u0301cran, le 2025-12-02 a\u0300 10.01.17\" data-image-description=\"\" data-image-caption=\"\" data-large-file=\"https:\/\/i0.wp.com\/itayachtscanada.com\/wp-content\/uploads\/2025\/12\/Capture-decran-le-2025-12-02-a-10.01.17.jpg?fit=700%2C466&amp;ssl=1\" \/><\/a>\n\t\t\t<\/div><\/figure><figure class='gallery-item'>\n\t\t\t<div class='gallery-icon landscape'>\n\t\t\t\t<a href='https:\/\/itayachtscanada.com\/fr\/listing\/sunseeker-76-yacht-2020-3295000-usd-for-sale\/capture-decran-le-2025-12-02-a-10-01-13\/'><img loading=\"lazy\" decoding=\"async\" width=\"300\" height=\"200\" src=\"https:\/\/i0.wp.com\/itayachtscanada.com\/wp-content\/uploads\/2025\/12\/Capture-decran-le-2025-12-02-a-10.01.13.jpg?fit=300%2C200&amp;ssl=1\" class=\"attachment-medium size-medium\" alt=\"\" srcset=\"https:\/\/i0.wp.com\/itayachtscanada.com\/wp-content\/uploads\/2025\/12\/Capture-decran-le-2025-12-02-a-10.01.13.jpg?w=1168&amp;ssl=1 1168w, https:\/\/i0.wp.com\/itayachtscanada.com\/wp-content\/uploads\/2025\/12\/Capture-decran-le-2025-12-02-a-10.01.13.jpg?resize=300%2C200&amp;ssl=1 300w, https:\/\/i0.wp.com\/itayachtscanada.com\/wp-content\/uploads\/2025\/12\/Capture-decran-le-2025-12-02-a-10.01.13.jpg?resize=1024%2C682&amp;ssl=1 1024w, https:\/\/i0.wp.com\/itayachtscanada.com\/wp-content\/uploads\/2025\/12\/Capture-decran-le-2025-12-02-a-10.01.13.jpg?resize=768%2C512&amp;ssl=1 768w, https:\/\/i0.wp.com\/itayachtscanada.com\/wp-content\/uploads\/2025\/12\/Capture-decran-le-2025-12-02-a-10.01.13.jpg?resize=700%2C466&amp;ssl=1 700w, https:\/\/i0.wp.com\/itayachtscanada.com\/wp-content\/uploads\/2025\/12\/Capture-decran-le-2025-12-02-a-10.01.13.jpg?resize=900%2C600&amp;ssl=1 900w, https:\/\/i0.wp.com\/itayachtscanada.com\/wp-content\/uploads\/2025\/12\/Capture-decran-le-2025-12-02-a-10.01.13.jpg?resize=601%2C400&amp;ssl=1 601w\" sizes=\"auto, (max-width: 300px) 100vw, 300px\" data-attachment-id=\"294129\" data-permalink=\"https:\/\/itayachtscanada.com\/fr\/listing\/sunseeker-76-yacht-2020-3295000-usd-for-sale\/capture-decran-le-2025-12-02-a-10-01-13\/\" data-orig-file=\"https:\/\/i0.wp.com\/itayachtscanada.com\/wp-content\/uploads\/2025\/12\/Capture-decran-le-2025-12-02-a-10.01.13.jpg?fit=1168%2C778&amp;ssl=1\" data-orig-size=\"1168,778\" data-comments-opened=\"1\" data-image-meta=\"{&quot;aperture&quot;:&quot;0&quot;,&quot;credit&quot;:&quot;&quot;,&quot;camera&quot;:&quot;&quot;,&quot;caption&quot;:&quot;&quot;,&quot;created_timestamp&quot;:&quot;0&quot;,&quot;copyright&quot;:&quot;&quot;,&quot;focal_length&quot;:&quot;0&quot;,&quot;iso&quot;:&quot;0&quot;,&quot;shutter_speed&quot;:&quot;0&quot;,&quot;title&quot;:&quot;&quot;,&quot;orientation&quot;:&quot;0&quot;}\" data-image-title=\"Capture d\u2019e\u0301cran, le 2025-12-02 a\u0300 10.01.13\" data-image-description=\"\" data-image-caption=\"\" data-large-file=\"https:\/\/i0.wp.com\/itayachtscanada.com\/wp-content\/uploads\/2025\/12\/Capture-decran-le-2025-12-02-a-10.01.13.jpg?fit=700%2C466&amp;ssl=1\" \/><\/a>\n\t\t\t<\/div><\/figure><figure class='gallery-item'>\n\t\t\t<div class='gallery-icon landscape'>\n\t\t\t\t<a href='https:\/\/itayachtscanada.com\/fr\/listing\/sunseeker-76-yacht-2020-3295000-usd-for-sale\/capture-decran-le-2025-12-02-a-10-01-09\/'><img loading=\"lazy\" decoding=\"async\" width=\"300\" height=\"200\" src=\"https:\/\/i0.wp.com\/itayachtscanada.com\/wp-content\/uploads\/2025\/12\/Capture-decran-le-2025-12-02-a-10.01.09.jpg?fit=300%2C200&amp;ssl=1\" class=\"attachment-medium size-medium\" alt=\"\" srcset=\"https:\/\/i0.wp.com\/itayachtscanada.com\/wp-content\/uploads\/2025\/12\/Capture-decran-le-2025-12-02-a-10.01.09.jpg?w=1168&amp;ssl=1 1168w, https:\/\/i0.wp.com\/itayachtscanada.com\/wp-content\/uploads\/2025\/12\/Capture-decran-le-2025-12-02-a-10.01.09.jpg?resize=300%2C200&amp;ssl=1 300w, https:\/\/i0.wp.com\/itayachtscanada.com\/wp-content\/uploads\/2025\/12\/Capture-decran-le-2025-12-02-a-10.01.09.jpg?resize=1024%2C682&amp;ssl=1 1024w, https:\/\/i0.wp.com\/itayachtscanada.com\/wp-content\/uploads\/2025\/12\/Capture-decran-le-2025-12-02-a-10.01.09.jpg?resize=768%2C512&amp;ssl=1 768w, https:\/\/i0.wp.com\/itayachtscanada.com\/wp-content\/uploads\/2025\/12\/Capture-decran-le-2025-12-02-a-10.01.09.jpg?resize=700%2C466&amp;ssl=1 700w, https:\/\/i0.wp.com\/itayachtscanada.com\/wp-content\/uploads\/2025\/12\/Capture-decran-le-2025-12-02-a-10.01.09.jpg?resize=900%2C600&amp;ssl=1 900w, https:\/\/i0.wp.com\/itayachtscanada.com\/wp-content\/uploads\/2025\/12\/Capture-decran-le-2025-12-02-a-10.01.09.jpg?resize=601%2C400&amp;ssl=1 601w\" sizes=\"auto, (max-width: 300px) 100vw, 300px\" data-attachment-id=\"294130\" data-permalink=\"https:\/\/itayachtscanada.com\/fr\/listing\/sunseeker-76-yacht-2020-3295000-usd-for-sale\/capture-decran-le-2025-12-02-a-10-01-09\/\" data-orig-file=\"https:\/\/i0.wp.com\/itayachtscanada.com\/wp-content\/uploads\/2025\/12\/Capture-decran-le-2025-12-02-a-10.01.09.jpg?fit=1168%2C778&amp;ssl=1\" data-orig-size=\"1168,778\" data-comments-opened=\"1\" data-image-meta=\"{&quot;aperture&quot;:&quot;0&quot;,&quot;credit&quot;:&quot;&quot;,&quot;camera&quot;:&quot;&quot;,&quot;caption&quot;:&quot;&quot;,&quot;created_timestamp&quot;:&quot;0&quot;,&quot;copyright&quot;:&quot;&quot;,&quot;focal_length&quot;:&quot;0&quot;,&quot;iso&quot;:&quot;0&quot;,&quot;shutter_speed&quot;:&quot;0&quot;,&quot;title&quot;:&quot;&quot;,&quot;orientation&quot;:&quot;0&quot;}\" data-image-title=\"Capture d\u2019e\u0301cran, le 2025-12-02 a\u0300 10.01.09\" data-image-description=\"\" data-image-caption=\"\" data-large-file=\"https:\/\/i0.wp.com\/itayachtscanada.com\/wp-content\/uploads\/2025\/12\/Capture-decran-le-2025-12-02-a-10.01.09.jpg?fit=700%2C466&amp;ssl=1\" \/><\/a>\n\t\t\t<\/div><\/figure><figure class='gallery-item'>\n\t\t\t<div class='gallery-icon landscape'>\n\t\t\t\t<a href='https:\/\/itayachtscanada.com\/fr\/listing\/sunseeker-76-yacht-2020-3295000-usd-for-sale\/capture-decran-le-2025-12-02-a-10-01-05\/'><img loading=\"lazy\" decoding=\"async\" width=\"300\" height=\"200\" src=\"https:\/\/i0.wp.com\/itayachtscanada.com\/wp-content\/uploads\/2025\/12\/Capture-decran-le-2025-12-02-a-10.01.05.jpg?fit=300%2C200&amp;ssl=1\" class=\"attachment-medium size-medium\" alt=\"\" srcset=\"https:\/\/i0.wp.com\/itayachtscanada.com\/wp-content\/uploads\/2025\/12\/Capture-decran-le-2025-12-02-a-10.01.05.jpg?w=1168&amp;ssl=1 1168w, https:\/\/i0.wp.com\/itayachtscanada.com\/wp-content\/uploads\/2025\/12\/Capture-decran-le-2025-12-02-a-10.01.05.jpg?resize=300%2C200&amp;ssl=1 300w, https:\/\/i0.wp.com\/itayachtscanada.com\/wp-content\/uploads\/2025\/12\/Capture-decran-le-2025-12-02-a-10.01.05.jpg?resize=1024%2C682&amp;ssl=1 1024w, https:\/\/i0.wp.com\/itayachtscanada.com\/wp-content\/uploads\/2025\/12\/Capture-decran-le-2025-12-02-a-10.01.05.jpg?resize=768%2C512&amp;ssl=1 768w, https:\/\/i0.wp.com\/itayachtscanada.com\/wp-content\/uploads\/2025\/12\/Capture-decran-le-2025-12-02-a-10.01.05.jpg?resize=700%2C466&amp;ssl=1 700w, https:\/\/i0.wp.com\/itayachtscanada.com\/wp-content\/uploads\/2025\/12\/Capture-decran-le-2025-12-02-a-10.01.05.jpg?resize=900%2C600&amp;ssl=1 900w, https:\/\/i0.wp.com\/itayachtscanada.com\/wp-content\/uploads\/2025\/12\/Capture-decran-le-2025-12-02-a-10.01.05.jpg?resize=601%2C400&amp;ssl=1 601w\" sizes=\"auto, (max-width: 300px) 100vw, 300px\" data-attachment-id=\"294131\" data-permalink=\"https:\/\/itayachtscanada.com\/fr\/listing\/sunseeker-76-yacht-2020-3295000-usd-for-sale\/capture-decran-le-2025-12-02-a-10-01-05\/\" data-orig-file=\"https:\/\/i0.wp.com\/itayachtscanada.com\/wp-content\/uploads\/2025\/12\/Capture-decran-le-2025-12-02-a-10.01.05.jpg?fit=1168%2C778&amp;ssl=1\" data-orig-size=\"1168,778\" data-comments-opened=\"1\" data-image-meta=\"{&quot;aperture&quot;:&quot;0&quot;,&quot;credit&quot;:&quot;&quot;,&quot;camera&quot;:&quot;&quot;,&quot;caption&quot;:&quot;&quot;,&quot;created_timestamp&quot;:&quot;0&quot;,&quot;copyright&quot;:&quot;&quot;,&quot;focal_length&quot;:&quot;0&quot;,&quot;iso&quot;:&quot;0&quot;,&quot;shutter_speed&quot;:&quot;0&quot;,&quot;title&quot;:&quot;&quot;,&quot;orientation&quot;:&quot;0&quot;}\" data-image-title=\"Capture d\u2019e\u0301cran, le 2025-12-02 a\u0300 10.01.05\" data-image-description=\"\" data-image-caption=\"\" data-large-file=\"https:\/\/i0.wp.com\/itayachtscanada.com\/wp-content\/uploads\/2025\/12\/Capture-decran-le-2025-12-02-a-10.01.05.jpg?fit=700%2C466&amp;ssl=1\" \/><\/a>\n\t\t\t<\/div><\/figure><figure class='gallery-item'>\n\t\t\t<div class='gallery-icon landscape'>\n\t\t\t\t<a href='https:\/\/itayachtscanada.com\/fr\/listing\/sunseeker-76-yacht-2020-3295000-usd-for-sale\/capture-decran-le-2025-12-02-a-10-01-01\/'><img loading=\"lazy\" decoding=\"async\" width=\"300\" height=\"200\" src=\"https:\/\/i0.wp.com\/itayachtscanada.com\/wp-content\/uploads\/2025\/12\/Capture-decran-le-2025-12-02-a-10.01.01.jpg?fit=300%2C200&amp;ssl=1\" class=\"attachment-medium size-medium\" alt=\"\" srcset=\"https:\/\/i0.wp.com\/itayachtscanada.com\/wp-content\/uploads\/2025\/12\/Capture-decran-le-2025-12-02-a-10.01.01.jpg?w=1168&amp;ssl=1 1168w, https:\/\/i0.wp.com\/itayachtscanada.com\/wp-content\/uploads\/2025\/12\/Capture-decran-le-2025-12-02-a-10.01.01.jpg?resize=300%2C200&amp;ssl=1 300w, https:\/\/i0.wp.com\/itayachtscanada.com\/wp-content\/uploads\/2025\/12\/Capture-decran-le-2025-12-02-a-10.01.01.jpg?resize=1024%2C682&amp;ssl=1 1024w, https:\/\/i0.wp.com\/itayachtscanada.com\/wp-content\/uploads\/2025\/12\/Capture-decran-le-2025-12-02-a-10.01.01.jpg?resize=768%2C512&amp;ssl=1 768w, https:\/\/i0.wp.com\/itayachtscanada.com\/wp-content\/uploads\/2025\/12\/Capture-decran-le-2025-12-02-a-10.01.01.jpg?resize=700%2C466&amp;ssl=1 700w, https:\/\/i0.wp.com\/itayachtscanada.com\/wp-content\/uploads\/2025\/12\/Capture-decran-le-2025-12-02-a-10.01.01.jpg?resize=900%2C600&amp;ssl=1 900w, https:\/\/i0.wp.com\/itayachtscanada.com\/wp-content\/uploads\/2025\/12\/Capture-decran-le-2025-12-02-a-10.01.01.jpg?resize=601%2C400&amp;ssl=1 601w\" sizes=\"auto, (max-width: 300px) 100vw, 300px\" data-attachment-id=\"294132\" data-permalink=\"https:\/\/itayachtscanada.com\/fr\/listing\/sunseeker-76-yacht-2020-3295000-usd-for-sale\/capture-decran-le-2025-12-02-a-10-01-01\/\" data-orig-file=\"https:\/\/i0.wp.com\/itayachtscanada.com\/wp-content\/uploads\/2025\/12\/Capture-decran-le-2025-12-02-a-10.01.01.jpg?fit=1168%2C778&amp;ssl=1\" data-orig-size=\"1168,778\" data-comments-opened=\"1\" data-image-meta=\"{&quot;aperture&quot;:&quot;0&quot;,&quot;credit&quot;:&quot;&quot;,&quot;camera&quot;:&quot;&quot;,&quot;caption&quot;:&quot;&quot;,&quot;created_timestamp&quot;:&quot;0&quot;,&quot;copyright&quot;:&quot;&quot;,&quot;focal_length&quot;:&quot;0&quot;,&quot;iso&quot;:&quot;0&quot;,&quot;shutter_speed&quot;:&quot;0&quot;,&quot;title&quot;:&quot;&quot;,&quot;orientation&quot;:&quot;0&quot;}\" data-image-title=\"Capture d\u2019e\u0301cran, le 2025-12-02 a\u0300 10.01.01\" data-image-description=\"\" data-image-caption=\"\" data-large-file=\"https:\/\/i0.wp.com\/itayachtscanada.com\/wp-content\/uploads\/2025\/12\/Capture-decran-le-2025-12-02-a-10.01.01.jpg?fit=700%2C466&amp;ssl=1\" \/><\/a>\n\t\t\t<\/div><\/figure><figure class='gallery-item'>\n\t\t\t<div class='gallery-icon landscape'>\n\t\t\t\t<a href='https:\/\/itayachtscanada.com\/fr\/listing\/sunseeker-76-yacht-2020-3295000-usd-for-sale\/capture-decran-le-2025-12-02-a-10-00-58\/'><img loading=\"lazy\" decoding=\"async\" width=\"300\" height=\"200\" src=\"https:\/\/i0.wp.com\/itayachtscanada.com\/wp-content\/uploads\/2025\/12\/Capture-decran-le-2025-12-02-a-10.00.58.jpg?fit=300%2C200&amp;ssl=1\" class=\"attachment-medium size-medium\" alt=\"\" srcset=\"https:\/\/i0.wp.com\/itayachtscanada.com\/wp-content\/uploads\/2025\/12\/Capture-decran-le-2025-12-02-a-10.00.58.jpg?w=1168&amp;ssl=1 1168w, https:\/\/i0.wp.com\/itayachtscanada.com\/wp-content\/uploads\/2025\/12\/Capture-decran-le-2025-12-02-a-10.00.58.jpg?resize=300%2C200&amp;ssl=1 300w, https:\/\/i0.wp.com\/itayachtscanada.com\/wp-content\/uploads\/2025\/12\/Capture-decran-le-2025-12-02-a-10.00.58.jpg?resize=1024%2C682&amp;ssl=1 1024w, https:\/\/i0.wp.com\/itayachtscanada.com\/wp-content\/uploads\/2025\/12\/Capture-decran-le-2025-12-02-a-10.00.58.jpg?resize=768%2C512&amp;ssl=1 768w, https:\/\/i0.wp.com\/itayachtscanada.com\/wp-content\/uploads\/2025\/12\/Capture-decran-le-2025-12-02-a-10.00.58.jpg?resize=700%2C466&amp;ssl=1 700w, https:\/\/i0.wp.com\/itayachtscanada.com\/wp-content\/uploads\/2025\/12\/Capture-decran-le-2025-12-02-a-10.00.58.jpg?resize=900%2C600&amp;ssl=1 900w, https:\/\/i0.wp.com\/itayachtscanada.com\/wp-content\/uploads\/2025\/12\/Capture-decran-le-2025-12-02-a-10.00.58.jpg?resize=601%2C400&amp;ssl=1 601w\" sizes=\"auto, (max-width: 300px) 100vw, 300px\" data-attachment-id=\"294133\" data-permalink=\"https:\/\/itayachtscanada.com\/fr\/listing\/sunseeker-76-yacht-2020-3295000-usd-for-sale\/capture-decran-le-2025-12-02-a-10-00-58\/\" data-orig-file=\"https:\/\/i0.wp.com\/itayachtscanada.com\/wp-content\/uploads\/2025\/12\/Capture-decran-le-2025-12-02-a-10.00.58.jpg?fit=1168%2C778&amp;ssl=1\" data-orig-size=\"1168,778\" data-comments-opened=\"1\" data-image-meta=\"{&quot;aperture&quot;:&quot;0&quot;,&quot;credit&quot;:&quot;&quot;,&quot;camera&quot;:&quot;&quot;,&quot;caption&quot;:&quot;&quot;,&quot;created_timestamp&quot;:&quot;0&quot;,&quot;copyright&quot;:&quot;&quot;,&quot;focal_length&quot;:&quot;0&quot;,&quot;iso&quot;:&quot;0&quot;,&quot;shutter_speed&quot;:&quot;0&quot;,&quot;title&quot;:&quot;&quot;,&quot;orientation&quot;:&quot;0&quot;}\" data-image-title=\"Capture d\u2019e\u0301cran, le 2025-12-02 a\u0300 10.00.58\" data-image-description=\"\" data-image-caption=\"\" data-large-file=\"https:\/\/i0.wp.com\/itayachtscanada.com\/wp-content\/uploads\/2025\/12\/Capture-decran-le-2025-12-02-a-10.00.58.jpg?fit=700%2C466&amp;ssl=1\" \/><\/a>\n\t\t\t<\/div><\/figure><figure class='gallery-item'>\n\t\t\t<div class='gallery-icon landscape'>\n\t\t\t\t<a href='https:\/\/itayachtscanada.com\/fr\/listing\/sunseeker-76-yacht-2020-3295000-usd-for-sale\/capture-decran-le-2025-12-02-a-10-00-52\/'><img loading=\"lazy\" decoding=\"async\" width=\"300\" height=\"200\" src=\"https:\/\/i0.wp.com\/itayachtscanada.com\/wp-content\/uploads\/2025\/12\/Capture-decran-le-2025-12-02-a-10.00.52.jpg?fit=300%2C200&amp;ssl=1\" class=\"attachment-medium size-medium\" alt=\"\" srcset=\"https:\/\/i0.wp.com\/itayachtscanada.com\/wp-content\/uploads\/2025\/12\/Capture-decran-le-2025-12-02-a-10.00.52.jpg?w=1168&amp;ssl=1 1168w, https:\/\/i0.wp.com\/itayachtscanada.com\/wp-content\/uploads\/2025\/12\/Capture-decran-le-2025-12-02-a-10.00.52.jpg?resize=300%2C200&amp;ssl=1 300w, https:\/\/i0.wp.com\/itayachtscanada.com\/wp-content\/uploads\/2025\/12\/Capture-decran-le-2025-12-02-a-10.00.52.jpg?resize=1024%2C682&amp;ssl=1 1024w, https:\/\/i0.wp.com\/itayachtscanada.com\/wp-content\/uploads\/2025\/12\/Capture-decran-le-2025-12-02-a-10.00.52.jpg?resize=768%2C512&amp;ssl=1 768w, https:\/\/i0.wp.com\/itayachtscanada.com\/wp-content\/uploads\/2025\/12\/Capture-decran-le-2025-12-02-a-10.00.52.jpg?resize=700%2C466&amp;ssl=1 700w, https:\/\/i0.wp.com\/itayachtscanada.com\/wp-content\/uploads\/2025\/12\/Capture-decran-le-2025-12-02-a-10.00.52.jpg?resize=900%2C600&amp;ssl=1 900w, https:\/\/i0.wp.com\/itayachtscanada.com\/wp-content\/uploads\/2025\/12\/Capture-decran-le-2025-12-02-a-10.00.52.jpg?resize=601%2C400&amp;ssl=1 601w\" sizes=\"auto, (max-width: 300px) 100vw, 300px\" data-attachment-id=\"294134\" data-permalink=\"https:\/\/itayachtscanada.com\/fr\/listing\/sunseeker-76-yacht-2020-3295000-usd-for-sale\/capture-decran-le-2025-12-02-a-10-00-52\/\" data-orig-file=\"https:\/\/i0.wp.com\/itayachtscanada.com\/wp-content\/uploads\/2025\/12\/Capture-decran-le-2025-12-02-a-10.00.52.jpg?fit=1168%2C778&amp;ssl=1\" data-orig-size=\"1168,778\" data-comments-opened=\"1\" data-image-meta=\"{&quot;aperture&quot;:&quot;0&quot;,&quot;credit&quot;:&quot;&quot;,&quot;camera&quot;:&quot;&quot;,&quot;caption&quot;:&quot;&quot;,&quot;created_timestamp&quot;:&quot;0&quot;,&quot;copyright&quot;:&quot;&quot;,&quot;focal_length&quot;:&quot;0&quot;,&quot;iso&quot;:&quot;0&quot;,&quot;shutter_speed&quot;:&quot;0&quot;,&quot;title&quot;:&quot;&quot;,&quot;orientation&quot;:&quot;0&quot;}\" data-image-title=\"Capture d\u2019e\u0301cran, le 2025-12-02 a\u0300 10.00.52\" data-image-description=\"\" data-image-caption=\"\" data-large-file=\"https:\/\/i0.wp.com\/itayachtscanada.com\/wp-content\/uploads\/2025\/12\/Capture-decran-le-2025-12-02-a-10.00.52.jpg?fit=700%2C466&amp;ssl=1\" \/><\/a>\n\t\t\t<\/div><\/figure><figure class='gallery-item'>\n\t\t\t<div class='gallery-icon landscape'>\n\t\t\t\t<a href='https:\/\/itayachtscanada.com\/fr\/listing\/sunseeker-76-yacht-2020-3295000-usd-for-sale\/capture-decran-le-2025-12-02-a-10-00-48\/'><img loading=\"lazy\" decoding=\"async\" width=\"300\" height=\"200\" src=\"https:\/\/i0.wp.com\/itayachtscanada.com\/wp-content\/uploads\/2025\/12\/Capture-decran-le-2025-12-02-a-10.00.48.jpg?fit=300%2C200&amp;ssl=1\" class=\"attachment-medium size-medium\" alt=\"\" srcset=\"https:\/\/i0.wp.com\/itayachtscanada.com\/wp-content\/uploads\/2025\/12\/Capture-decran-le-2025-12-02-a-10.00.48.jpg?w=1168&amp;ssl=1 1168w, https:\/\/i0.wp.com\/itayachtscanada.com\/wp-content\/uploads\/2025\/12\/Capture-decran-le-2025-12-02-a-10.00.48.jpg?resize=300%2C200&amp;ssl=1 300w, https:\/\/i0.wp.com\/itayachtscanada.com\/wp-content\/uploads\/2025\/12\/Capture-decran-le-2025-12-02-a-10.00.48.jpg?resize=1024%2C682&amp;ssl=1 1024w, https:\/\/i0.wp.com\/itayachtscanada.com\/wp-content\/uploads\/2025\/12\/Capture-decran-le-2025-12-02-a-10.00.48.jpg?resize=768%2C512&amp;ssl=1 768w, https:\/\/i0.wp.com\/itayachtscanada.com\/wp-content\/uploads\/2025\/12\/Capture-decran-le-2025-12-02-a-10.00.48.jpg?resize=700%2C466&amp;ssl=1 700w, https:\/\/i0.wp.com\/itayachtscanada.com\/wp-content\/uploads\/2025\/12\/Capture-decran-le-2025-12-02-a-10.00.48.jpg?resize=900%2C600&amp;ssl=1 900w, https:\/\/i0.wp.com\/itayachtscanada.com\/wp-content\/uploads\/2025\/12\/Capture-decran-le-2025-12-02-a-10.00.48.jpg?resize=601%2C400&amp;ssl=1 601w\" sizes=\"auto, (max-width: 300px) 100vw, 300px\" data-attachment-id=\"294135\" data-permalink=\"https:\/\/itayachtscanada.com\/fr\/listing\/sunseeker-76-yacht-2020-3295000-usd-for-sale\/capture-decran-le-2025-12-02-a-10-00-48\/\" data-orig-file=\"https:\/\/i0.wp.com\/itayachtscanada.com\/wp-content\/uploads\/2025\/12\/Capture-decran-le-2025-12-02-a-10.00.48.jpg?fit=1168%2C778&amp;ssl=1\" data-orig-size=\"1168,778\" data-comments-opened=\"1\" data-image-meta=\"{&quot;aperture&quot;:&quot;0&quot;,&quot;credit&quot;:&quot;&quot;,&quot;camera&quot;:&quot;&quot;,&quot;caption&quot;:&quot;&quot;,&quot;created_timestamp&quot;:&quot;0&quot;,&quot;copyright&quot;:&quot;&quot;,&quot;focal_length&quot;:&quot;0&quot;,&quot;iso&quot;:&quot;0&quot;,&quot;shutter_speed&quot;:&quot;0&quot;,&quot;title&quot;:&quot;&quot;,&quot;orientation&quot;:&quot;0&quot;}\" data-image-title=\"Capture d\u2019e\u0301cran, le 2025-12-02 a\u0300 10.00.48\" data-image-description=\"\" data-image-caption=\"\" data-large-file=\"https:\/\/i0.wp.com\/itayachtscanada.com\/wp-content\/uploads\/2025\/12\/Capture-decran-le-2025-12-02-a-10.00.48.jpg?fit=700%2C466&amp;ssl=1\" \/><\/a>\n\t\t\t<\/div><\/figure><figure class='gallery-item'>\n\t\t\t<div class='gallery-icon landscape'>\n\t\t\t\t<a href='https:\/\/itayachtscanada.com\/fr\/listing\/sunseeker-76-yacht-2020-3295000-usd-for-sale\/capture-decran-le-2025-12-02-a-10-00-44\/'><img loading=\"lazy\" decoding=\"async\" width=\"300\" height=\"200\" src=\"https:\/\/i0.wp.com\/itayachtscanada.com\/wp-content\/uploads\/2025\/12\/Capture-decran-le-2025-12-02-a-10.00.44.jpg?fit=300%2C200&amp;ssl=1\" class=\"attachment-medium size-medium\" alt=\"\" srcset=\"https:\/\/i0.wp.com\/itayachtscanada.com\/wp-content\/uploads\/2025\/12\/Capture-decran-le-2025-12-02-a-10.00.44.jpg?w=1168&amp;ssl=1 1168w, https:\/\/i0.wp.com\/itayachtscanada.com\/wp-content\/uploads\/2025\/12\/Capture-decran-le-2025-12-02-a-10.00.44.jpg?resize=300%2C200&amp;ssl=1 300w, https:\/\/i0.wp.com\/itayachtscanada.com\/wp-content\/uploads\/2025\/12\/Capture-decran-le-2025-12-02-a-10.00.44.jpg?resize=1024%2C682&amp;ssl=1 1024w, https:\/\/i0.wp.com\/itayachtscanada.com\/wp-content\/uploads\/2025\/12\/Capture-decran-le-2025-12-02-a-10.00.44.jpg?resize=768%2C512&amp;ssl=1 768w, https:\/\/i0.wp.com\/itayachtscanada.com\/wp-content\/uploads\/2025\/12\/Capture-decran-le-2025-12-02-a-10.00.44.jpg?resize=700%2C466&amp;ssl=1 700w, https:\/\/i0.wp.com\/itayachtscanada.com\/wp-content\/uploads\/2025\/12\/Capture-decran-le-2025-12-02-a-10.00.44.jpg?resize=900%2C600&amp;ssl=1 900w, https:\/\/i0.wp.com\/itayachtscanada.com\/wp-content\/uploads\/2025\/12\/Capture-decran-le-2025-12-02-a-10.00.44.jpg?resize=601%2C400&amp;ssl=1 601w\" sizes=\"auto, (max-width: 300px) 100vw, 300px\" data-attachment-id=\"294136\" data-permalink=\"https:\/\/itayachtscanada.com\/fr\/listing\/sunseeker-76-yacht-2020-3295000-usd-for-sale\/capture-decran-le-2025-12-02-a-10-00-44\/\" data-orig-file=\"https:\/\/i0.wp.com\/itayachtscanada.com\/wp-content\/uploads\/2025\/12\/Capture-decran-le-2025-12-02-a-10.00.44.jpg?fit=1168%2C778&amp;ssl=1\" data-orig-size=\"1168,778\" data-comments-opened=\"1\" data-image-meta=\"{&quot;aperture&quot;:&quot;0&quot;,&quot;credit&quot;:&quot;&quot;,&quot;camera&quot;:&quot;&quot;,&quot;caption&quot;:&quot;&quot;,&quot;created_timestamp&quot;:&quot;0&quot;,&quot;copyright&quot;:&quot;&quot;,&quot;focal_length&quot;:&quot;0&quot;,&quot;iso&quot;:&quot;0&quot;,&quot;shutter_speed&quot;:&quot;0&quot;,&quot;title&quot;:&quot;&quot;,&quot;orientation&quot;:&quot;0&quot;}\" data-image-title=\"Capture d\u2019e\u0301cran, le 2025-12-02 a\u0300 10.00.44\" data-image-description=\"\" data-image-caption=\"\" data-large-file=\"https:\/\/i0.wp.com\/itayachtscanada.com\/wp-content\/uploads\/2025\/12\/Capture-decran-le-2025-12-02-a-10.00.44.jpg?fit=700%2C466&amp;ssl=1\" \/><\/a>\n\t\t\t<\/div><\/figure><figure class='gallery-item'>\n\t\t\t<div class='gallery-icon landscape'>\n\t\t\t\t<a href='https:\/\/itayachtscanada.com\/fr\/listing\/sunseeker-76-yacht-2020-3295000-usd-for-sale\/capture-decran-le-2025-12-02-a-10-00-35\/'><img loading=\"lazy\" decoding=\"async\" width=\"300\" height=\"200\" src=\"https:\/\/i0.wp.com\/itayachtscanada.com\/wp-content\/uploads\/2025\/12\/Capture-decran-le-2025-12-02-a-10.00.35.jpg?fit=300%2C200&amp;ssl=1\" class=\"attachment-medium size-medium\" alt=\"\" srcset=\"https:\/\/i0.wp.com\/itayachtscanada.com\/wp-content\/uploads\/2025\/12\/Capture-decran-le-2025-12-02-a-10.00.35.jpg?w=1168&amp;ssl=1 1168w, https:\/\/i0.wp.com\/itayachtscanada.com\/wp-content\/uploads\/2025\/12\/Capture-decran-le-2025-12-02-a-10.00.35.jpg?resize=300%2C200&amp;ssl=1 300w, https:\/\/i0.wp.com\/itayachtscanada.com\/wp-content\/uploads\/2025\/12\/Capture-decran-le-2025-12-02-a-10.00.35.jpg?resize=1024%2C682&amp;ssl=1 1024w, https:\/\/i0.wp.com\/itayachtscanada.com\/wp-content\/uploads\/2025\/12\/Capture-decran-le-2025-12-02-a-10.00.35.jpg?resize=768%2C512&amp;ssl=1 768w, https:\/\/i0.wp.com\/itayachtscanada.com\/wp-content\/uploads\/2025\/12\/Capture-decran-le-2025-12-02-a-10.00.35.jpg?resize=700%2C466&amp;ssl=1 700w, https:\/\/i0.wp.com\/itayachtscanada.com\/wp-content\/uploads\/2025\/12\/Capture-decran-le-2025-12-02-a-10.00.35.jpg?resize=900%2C600&amp;ssl=1 900w, https:\/\/i0.wp.com\/itayachtscanada.com\/wp-content\/uploads\/2025\/12\/Capture-decran-le-2025-12-02-a-10.00.35.jpg?resize=601%2C400&amp;ssl=1 601w\" sizes=\"auto, (max-width: 300px) 100vw, 300px\" data-attachment-id=\"294137\" data-permalink=\"https:\/\/itayachtscanada.com\/fr\/listing\/sunseeker-76-yacht-2020-3295000-usd-for-sale\/capture-decran-le-2025-12-02-a-10-00-35\/\" data-orig-file=\"https:\/\/i0.wp.com\/itayachtscanada.com\/wp-content\/uploads\/2025\/12\/Capture-decran-le-2025-12-02-a-10.00.35.jpg?fit=1168%2C778&amp;ssl=1\" data-orig-size=\"1168,778\" data-comments-opened=\"1\" data-image-meta=\"{&quot;aperture&quot;:&quot;0&quot;,&quot;credit&quot;:&quot;&quot;,&quot;camera&quot;:&quot;&quot;,&quot;caption&quot;:&quot;&quot;,&quot;created_timestamp&quot;:&quot;0&quot;,&quot;copyright&quot;:&quot;&quot;,&quot;focal_length&quot;:&quot;0&quot;,&quot;iso&quot;:&quot;0&quot;,&quot;shutter_speed&quot;:&quot;0&quot;,&quot;title&quot;:&quot;&quot;,&quot;orientation&quot;:&quot;0&quot;}\" data-image-title=\"Capture d\u2019e\u0301cran, le 2025-12-02 a\u0300 10.00.35\" data-image-description=\"\" data-image-caption=\"\" data-large-file=\"https:\/\/i0.wp.com\/itayachtscanada.com\/wp-content\/uploads\/2025\/12\/Capture-decran-le-2025-12-02-a-10.00.35.jpg?fit=700%2C466&amp;ssl=1\" \/><\/a>\n\t\t\t<\/div><\/figure><figure class='gallery-item'>\n\t\t\t<div class='gallery-icon landscape'>\n\t\t\t\t<a href='https:\/\/itayachtscanada.com\/fr\/listing\/sunseeker-76-yacht-2020-3295000-usd-for-sale\/capture-decran-le-2025-12-02-a-10-00-32\/'><img loading=\"lazy\" decoding=\"async\" width=\"300\" height=\"200\" src=\"https:\/\/i0.wp.com\/itayachtscanada.com\/wp-content\/uploads\/2025\/12\/Capture-decran-le-2025-12-02-a-10.00.32.jpg?fit=300%2C200&amp;ssl=1\" class=\"attachment-medium size-medium\" alt=\"\" srcset=\"https:\/\/i0.wp.com\/itayachtscanada.com\/wp-content\/uploads\/2025\/12\/Capture-decran-le-2025-12-02-a-10.00.32.jpg?w=1168&amp;ssl=1 1168w, https:\/\/i0.wp.com\/itayachtscanada.com\/wp-content\/uploads\/2025\/12\/Capture-decran-le-2025-12-02-a-10.00.32.jpg?resize=300%2C200&amp;ssl=1 300w, https:\/\/i0.wp.com\/itayachtscanada.com\/wp-content\/uploads\/2025\/12\/Capture-decran-le-2025-12-02-a-10.00.32.jpg?resize=1024%2C682&amp;ssl=1 1024w, https:\/\/i0.wp.com\/itayachtscanada.com\/wp-content\/uploads\/2025\/12\/Capture-decran-le-2025-12-02-a-10.00.32.jpg?resize=768%2C512&amp;ssl=1 768w, https:\/\/i0.wp.com\/itayachtscanada.com\/wp-content\/uploads\/2025\/12\/Capture-decran-le-2025-12-02-a-10.00.32.jpg?resize=700%2C466&amp;ssl=1 700w, https:\/\/i0.wp.com\/itayachtscanada.com\/wp-content\/uploads\/2025\/12\/Capture-decran-le-2025-12-02-a-10.00.32.jpg?resize=900%2C600&amp;ssl=1 900w, https:\/\/i0.wp.com\/itayachtscanada.com\/wp-content\/uploads\/2025\/12\/Capture-decran-le-2025-12-02-a-10.00.32.jpg?resize=601%2C400&amp;ssl=1 601w\" sizes=\"auto, (max-width: 300px) 100vw, 300px\" data-attachment-id=\"294138\" data-permalink=\"https:\/\/itayachtscanada.com\/fr\/listing\/sunseeker-76-yacht-2020-3295000-usd-for-sale\/capture-decran-le-2025-12-02-a-10-00-32\/\" data-orig-file=\"https:\/\/i0.wp.com\/itayachtscanada.com\/wp-content\/uploads\/2025\/12\/Capture-decran-le-2025-12-02-a-10.00.32.jpg?fit=1168%2C778&amp;ssl=1\" data-orig-size=\"1168,778\" data-comments-opened=\"1\" data-image-meta=\"{&quot;aperture&quot;:&quot;0&quot;,&quot;credit&quot;:&quot;&quot;,&quot;camera&quot;:&quot;&quot;,&quot;caption&quot;:&quot;&quot;,&quot;created_timestamp&quot;:&quot;0&quot;,&quot;copyright&quot;:&quot;&quot;,&quot;focal_length&quot;:&quot;0&quot;,&quot;iso&quot;:&quot;0&quot;,&quot;shutter_speed&quot;:&quot;0&quot;,&quot;title&quot;:&quot;&quot;,&quot;orientation&quot;:&quot;0&quot;}\" data-image-title=\"Capture d\u2019e\u0301cran, le 2025-12-02 a\u0300 10.00.32\" data-image-description=\"\" data-image-caption=\"\" data-large-file=\"https:\/\/i0.wp.com\/itayachtscanada.com\/wp-content\/uploads\/2025\/12\/Capture-decran-le-2025-12-02-a-10.00.32.jpg?fit=700%2C466&amp;ssl=1\" \/><\/a>\n\t\t\t<\/div><\/figure><figure class='gallery-item'>\n\t\t\t<div class='gallery-icon landscape'>\n\t\t\t\t<a href='https:\/\/itayachtscanada.com\/fr\/listing\/sunseeker-76-yacht-2020-3295000-usd-for-sale\/capture-decran-le-2025-12-02-a-10-00-28\/'><img loading=\"lazy\" decoding=\"async\" width=\"300\" height=\"200\" src=\"https:\/\/i0.wp.com\/itayachtscanada.com\/wp-content\/uploads\/2025\/12\/Capture-decran-le-2025-12-02-a-10.00.28.jpg?fit=300%2C200&amp;ssl=1\" class=\"attachment-medium size-medium\" alt=\"\" srcset=\"https:\/\/i0.wp.com\/itayachtscanada.com\/wp-content\/uploads\/2025\/12\/Capture-decran-le-2025-12-02-a-10.00.28.jpg?w=1168&amp;ssl=1 1168w, https:\/\/i0.wp.com\/itayachtscanada.com\/wp-content\/uploads\/2025\/12\/Capture-decran-le-2025-12-02-a-10.00.28.jpg?resize=300%2C200&amp;ssl=1 300w, https:\/\/i0.wp.com\/itayachtscanada.com\/wp-content\/uploads\/2025\/12\/Capture-decran-le-2025-12-02-a-10.00.28.jpg?resize=1024%2C682&amp;ssl=1 1024w, https:\/\/i0.wp.com\/itayachtscanada.com\/wp-content\/uploads\/2025\/12\/Capture-decran-le-2025-12-02-a-10.00.28.jpg?resize=768%2C512&amp;ssl=1 768w, https:\/\/i0.wp.com\/itayachtscanada.com\/wp-content\/uploads\/2025\/12\/Capture-decran-le-2025-12-02-a-10.00.28.jpg?resize=700%2C466&amp;ssl=1 700w, https:\/\/i0.wp.com\/itayachtscanada.com\/wp-content\/uploads\/2025\/12\/Capture-decran-le-2025-12-02-a-10.00.28.jpg?resize=900%2C600&amp;ssl=1 900w, https:\/\/i0.wp.com\/itayachtscanada.com\/wp-content\/uploads\/2025\/12\/Capture-decran-le-2025-12-02-a-10.00.28.jpg?resize=601%2C400&amp;ssl=1 601w\" sizes=\"auto, (max-width: 300px) 100vw, 300px\" data-attachment-id=\"294139\" data-permalink=\"https:\/\/itayachtscanada.com\/fr\/listing\/sunseeker-76-yacht-2020-3295000-usd-for-sale\/capture-decran-le-2025-12-02-a-10-00-28\/\" data-orig-file=\"https:\/\/i0.wp.com\/itayachtscanada.com\/wp-content\/uploads\/2025\/12\/Capture-decran-le-2025-12-02-a-10.00.28.jpg?fit=1168%2C778&amp;ssl=1\" data-orig-size=\"1168,778\" data-comments-opened=\"1\" data-image-meta=\"{&quot;aperture&quot;:&quot;0&quot;,&quot;credit&quot;:&quot;&quot;,&quot;camera&quot;:&quot;&quot;,&quot;caption&quot;:&quot;&quot;,&quot;created_timestamp&quot;:&quot;0&quot;,&quot;copyright&quot;:&quot;&quot;,&quot;focal_length&quot;:&quot;0&quot;,&quot;iso&quot;:&quot;0&quot;,&quot;shutter_speed&quot;:&quot;0&quot;,&quot;title&quot;:&quot;&quot;,&quot;orientation&quot;:&quot;0&quot;}\" data-image-title=\"Capture d\u2019e\u0301cran, le 2025-12-02 a\u0300 10.00.28\" data-image-description=\"\" data-image-caption=\"\" data-large-file=\"https:\/\/i0.wp.com\/itayachtscanada.com\/wp-content\/uploads\/2025\/12\/Capture-decran-le-2025-12-02-a-10.00.28.jpg?fit=700%2C466&amp;ssl=1\" \/><\/a>\n\t\t\t<\/div><\/figure><figure class='gallery-item'>\n\t\t\t<div class='gallery-icon portrait'>\n\t\t\t\t<a href='https:\/\/itayachtscanada.com\/fr\/listing\/sunseeker-76-yacht-2020-3295000-usd-for-sale\/capture-decran-le-2025-12-02-a-10-00-07\/'><img loading=\"lazy\" decoding=\"async\" width=\"199\" height=\"300\" src=\"https:\/\/i0.wp.com\/itayachtscanada.com\/wp-content\/uploads\/2025\/12\/Capture-decran-le-2025-12-02-a-10.00.07.jpg?fit=199%2C300&amp;ssl=1\" class=\"attachment-medium size-medium\" alt=\"\" srcset=\"https:\/\/i0.wp.com\/itayachtscanada.com\/wp-content\/uploads\/2025\/12\/Capture-decran-le-2025-12-02-a-10.00.07.jpg?w=516&amp;ssl=1 516w, https:\/\/i0.wp.com\/itayachtscanada.com\/wp-content\/uploads\/2025\/12\/Capture-decran-le-2025-12-02-a-10.00.07.jpg?resize=199%2C300&amp;ssl=1 199w, https:\/\/i0.wp.com\/itayachtscanada.com\/wp-content\/uploads\/2025\/12\/Capture-decran-le-2025-12-02-a-10.00.07.jpg?resize=265%2C400&amp;ssl=1 265w\" sizes=\"auto, (max-width: 199px) 100vw, 199px\" data-attachment-id=\"294142\" data-permalink=\"https:\/\/itayachtscanada.com\/fr\/listing\/sunseeker-76-yacht-2020-3295000-usd-for-sale\/capture-decran-le-2025-12-02-a-10-00-07\/\" data-orig-file=\"https:\/\/i0.wp.com\/itayachtscanada.com\/wp-content\/uploads\/2025\/12\/Capture-decran-le-2025-12-02-a-10.00.07.jpg?fit=516%2C778&amp;ssl=1\" data-orig-size=\"516,778\" data-comments-opened=\"1\" data-image-meta=\"{&quot;aperture&quot;:&quot;0&quot;,&quot;credit&quot;:&quot;&quot;,&quot;camera&quot;:&quot;&quot;,&quot;caption&quot;:&quot;&quot;,&quot;created_timestamp&quot;:&quot;0&quot;,&quot;copyright&quot;:&quot;&quot;,&quot;focal_length&quot;:&quot;0&quot;,&quot;iso&quot;:&quot;0&quot;,&quot;shutter_speed&quot;:&quot;0&quot;,&quot;title&quot;:&quot;&quot;,&quot;orientation&quot;:&quot;0&quot;}\" data-image-title=\"Capture d\u2019e\u0301cran, le 2025-12-02 a\u0300 10.00.07\" data-image-description=\"\" data-image-caption=\"\" data-large-file=\"https:\/\/i0.wp.com\/itayachtscanada.com\/wp-content\/uploads\/2025\/12\/Capture-decran-le-2025-12-02-a-10.00.07.jpg?fit=516%2C778&amp;ssl=1\" \/><\/a>\n\t\t\t<\/div><\/figure><figure class='gallery-item'>\n\t\t\t<div class='gallery-icon landscape'>\n\t\t\t\t<a href='https:\/\/itayachtscanada.com\/fr\/listing\/sunseeker-76-yacht-2020-3295000-usd-for-sale\/capture-decran-le-2025-12-02-a-10-00-20\/'><img loading=\"lazy\" decoding=\"async\" width=\"300\" height=\"200\" src=\"https:\/\/i0.wp.com\/itayachtscanada.com\/wp-content\/uploads\/2025\/12\/Capture-decran-le-2025-12-02-a-10.00.20.jpg?fit=300%2C200&amp;ssl=1\" class=\"attachment-medium size-medium\" alt=\"\" srcset=\"https:\/\/i0.wp.com\/itayachtscanada.com\/wp-content\/uploads\/2025\/12\/Capture-decran-le-2025-12-02-a-10.00.20.jpg?w=1168&amp;ssl=1 1168w, https:\/\/i0.wp.com\/itayachtscanada.com\/wp-content\/uploads\/2025\/12\/Capture-decran-le-2025-12-02-a-10.00.20.jpg?resize=300%2C200&amp;ssl=1 300w, https:\/\/i0.wp.com\/itayachtscanada.com\/wp-content\/uploads\/2025\/12\/Capture-decran-le-2025-12-02-a-10.00.20.jpg?resize=1024%2C682&amp;ssl=1 1024w, https:\/\/i0.wp.com\/itayachtscanada.com\/wp-content\/uploads\/2025\/12\/Capture-decran-le-2025-12-02-a-10.00.20.jpg?resize=768%2C512&amp;ssl=1 768w, https:\/\/i0.wp.com\/itayachtscanada.com\/wp-content\/uploads\/2025\/12\/Capture-decran-le-2025-12-02-a-10.00.20.jpg?resize=700%2C466&amp;ssl=1 700w, https:\/\/i0.wp.com\/itayachtscanada.com\/wp-content\/uploads\/2025\/12\/Capture-decran-le-2025-12-02-a-10.00.20.jpg?resize=900%2C600&amp;ssl=1 900w, https:\/\/i0.wp.com\/itayachtscanada.com\/wp-content\/uploads\/2025\/12\/Capture-decran-le-2025-12-02-a-10.00.20.jpg?resize=601%2C400&amp;ssl=1 601w\" sizes=\"auto, (max-width: 300px) 100vw, 300px\" data-attachment-id=\"294140\" data-permalink=\"https:\/\/itayachtscanada.com\/fr\/listing\/sunseeker-76-yacht-2020-3295000-usd-for-sale\/capture-decran-le-2025-12-02-a-10-00-20\/\" data-orig-file=\"https:\/\/i0.wp.com\/itayachtscanada.com\/wp-content\/uploads\/2025\/12\/Capture-decran-le-2025-12-02-a-10.00.20.jpg?fit=1168%2C778&amp;ssl=1\" data-orig-size=\"1168,778\" data-comments-opened=\"1\" data-image-meta=\"{&quot;aperture&quot;:&quot;0&quot;,&quot;credit&quot;:&quot;&quot;,&quot;camera&quot;:&quot;&quot;,&quot;caption&quot;:&quot;&quot;,&quot;created_timestamp&quot;:&quot;0&quot;,&quot;copyright&quot;:&quot;&quot;,&quot;focal_length&quot;:&quot;0&quot;,&quot;iso&quot;:&quot;0&quot;,&quot;shutter_speed&quot;:&quot;0&quot;,&quot;title&quot;:&quot;&quot;,&quot;orientation&quot;:&quot;0&quot;}\" data-image-title=\"Capture d\u2019e\u0301cran, le 2025-12-02 a\u0300 10.00.20\" data-image-description=\"\" data-image-caption=\"\" data-large-file=\"https:\/\/i0.wp.com\/itayachtscanada.com\/wp-content\/uploads\/2025\/12\/Capture-decran-le-2025-12-02-a-10.00.20.jpg?fit=700%2C466&amp;ssl=1\" \/><\/a>\n\t\t\t<\/div><\/figure><figure class='gallery-item'>\n\t\t\t<div class='gallery-icon landscape'>\n\t\t\t\t<a href='https:\/\/itayachtscanada.com\/fr\/listing\/sunseeker-76-yacht-2020-3295000-usd-for-sale\/capture-decran-le-2025-12-02-a-10-00-10\/'><img loading=\"lazy\" decoding=\"async\" width=\"300\" height=\"200\" src=\"https:\/\/i0.wp.com\/itayachtscanada.com\/wp-content\/uploads\/2025\/12\/Capture-decran-le-2025-12-02-a-10.00.10.jpg?fit=300%2C200&amp;ssl=1\" class=\"attachment-medium size-medium\" alt=\"\" srcset=\"https:\/\/i0.wp.com\/itayachtscanada.com\/wp-content\/uploads\/2025\/12\/Capture-decran-le-2025-12-02-a-10.00.10.jpg?w=1168&amp;ssl=1 1168w, https:\/\/i0.wp.com\/itayachtscanada.com\/wp-content\/uploads\/2025\/12\/Capture-decran-le-2025-12-02-a-10.00.10.jpg?resize=300%2C200&amp;ssl=1 300w, https:\/\/i0.wp.com\/itayachtscanada.com\/wp-content\/uploads\/2025\/12\/Capture-decran-le-2025-12-02-a-10.00.10.jpg?resize=1024%2C682&amp;ssl=1 1024w, https:\/\/i0.wp.com\/itayachtscanada.com\/wp-content\/uploads\/2025\/12\/Capture-decran-le-2025-12-02-a-10.00.10.jpg?resize=768%2C512&amp;ssl=1 768w, https:\/\/i0.wp.com\/itayachtscanada.com\/wp-content\/uploads\/2025\/12\/Capture-decran-le-2025-12-02-a-10.00.10.jpg?resize=700%2C466&amp;ssl=1 700w, https:\/\/i0.wp.com\/itayachtscanada.com\/wp-content\/uploads\/2025\/12\/Capture-decran-le-2025-12-02-a-10.00.10.jpg?resize=900%2C600&amp;ssl=1 900w, https:\/\/i0.wp.com\/itayachtscanada.com\/wp-content\/uploads\/2025\/12\/Capture-decran-le-2025-12-02-a-10.00.10.jpg?resize=601%2C400&amp;ssl=1 601w\" sizes=\"auto, (max-width: 300px) 100vw, 300px\" data-attachment-id=\"294141\" data-permalink=\"https:\/\/itayachtscanada.com\/fr\/listing\/sunseeker-76-yacht-2020-3295000-usd-for-sale\/capture-decran-le-2025-12-02-a-10-00-10\/\" data-orig-file=\"https:\/\/i0.wp.com\/itayachtscanada.com\/wp-content\/uploads\/2025\/12\/Capture-decran-le-2025-12-02-a-10.00.10.jpg?fit=1168%2C778&amp;ssl=1\" data-orig-size=\"1168,778\" data-comments-opened=\"1\" data-image-meta=\"{&quot;aperture&quot;:&quot;0&quot;,&quot;credit&quot;:&quot;&quot;,&quot;camera&quot;:&quot;&quot;,&quot;caption&quot;:&quot;&quot;,&quot;created_timestamp&quot;:&quot;0&quot;,&quot;copyright&quot;:&quot;&quot;,&quot;focal_length&quot;:&quot;0&quot;,&quot;iso&quot;:&quot;0&quot;,&quot;shutter_speed&quot;:&quot;0&quot;,&quot;title&quot;:&quot;&quot;,&quot;orientation&quot;:&quot;0&quot;}\" data-image-title=\"Capture d\u2019e\u0301cran, le 2025-12-02 a\u0300 10.00.10\" data-image-description=\"\" data-image-caption=\"\" data-large-file=\"https:\/\/i0.wp.com\/itayachtscanada.com\/wp-content\/uploads\/2025\/12\/Capture-decran-le-2025-12-02-a-10.00.10.jpg?fit=700%2C466&amp;ssl=1\" \/><\/a>\n\t\t\t<\/div><\/figure><figure class='gallery-item'>\n\t\t\t<div class='gallery-icon portrait'>\n\t\t\t\t<a href='https:\/\/itayachtscanada.com\/fr\/listing\/sunseeker-76-yacht-2020-3295000-usd-for-sale\/capture-decran-le-2025-12-02-a-09-59-59\/'><img loading=\"lazy\" decoding=\"async\" width=\"199\" height=\"300\" src=\"https:\/\/i0.wp.com\/itayachtscanada.com\/wp-content\/uploads\/2025\/12\/Capture-decran-le-2025-12-02-a-09.59.59.jpg?fit=199%2C300&amp;ssl=1\" class=\"attachment-medium size-medium\" alt=\"\" srcset=\"https:\/\/i0.wp.com\/itayachtscanada.com\/wp-content\/uploads\/2025\/12\/Capture-decran-le-2025-12-02-a-09.59.59.jpg?w=516&amp;ssl=1 516w, https:\/\/i0.wp.com\/itayachtscanada.com\/wp-content\/uploads\/2025\/12\/Capture-decran-le-2025-12-02-a-09.59.59.jpg?resize=199%2C300&amp;ssl=1 199w, https:\/\/i0.wp.com\/itayachtscanada.com\/wp-content\/uploads\/2025\/12\/Capture-decran-le-2025-12-02-a-09.59.59.jpg?resize=265%2C400&amp;ssl=1 265w\" sizes=\"auto, (max-width: 199px) 100vw, 199px\" data-attachment-id=\"294143\" data-permalink=\"https:\/\/itayachtscanada.com\/fr\/listing\/sunseeker-76-yacht-2020-3295000-usd-for-sale\/capture-decran-le-2025-12-02-a-09-59-59\/\" data-orig-file=\"https:\/\/i0.wp.com\/itayachtscanada.com\/wp-content\/uploads\/2025\/12\/Capture-decran-le-2025-12-02-a-09.59.59.jpg?fit=516%2C778&amp;ssl=1\" data-orig-size=\"516,778\" data-comments-opened=\"1\" data-image-meta=\"{&quot;aperture&quot;:&quot;0&quot;,&quot;credit&quot;:&quot;&quot;,&quot;camera&quot;:&quot;&quot;,&quot;caption&quot;:&quot;&quot;,&quot;created_timestamp&quot;:&quot;0&quot;,&quot;copyright&quot;:&quot;&quot;,&quot;focal_length&quot;:&quot;0&quot;,&quot;iso&quot;:&quot;0&quot;,&quot;shutter_speed&quot;:&quot;0&quot;,&quot;title&quot;:&quot;&quot;,&quot;orientation&quot;:&quot;0&quot;}\" data-image-title=\"Capture d\u2019e\u0301cran, le 2025-12-02 a\u0300 09.59.59\" data-image-description=\"\" data-image-caption=\"\" data-large-file=\"https:\/\/i0.wp.com\/itayachtscanada.com\/wp-content\/uploads\/2025\/12\/Capture-decran-le-2025-12-02-a-09.59.59.jpg?fit=516%2C778&amp;ssl=1\" \/><\/a>\n\t\t\t<\/div><\/figure><figure class='gallery-item'>\n\t\t\t<div class='gallery-icon landscape'>\n\t\t\t\t<a href='https:\/\/itayachtscanada.com\/fr\/listing\/sunseeker-76-yacht-2020-3295000-usd-for-sale\/capture-decran-le-2025-12-02-a-09-59-55\/'><img loading=\"lazy\" decoding=\"async\" width=\"300\" height=\"199\" src=\"https:\/\/i0.wp.com\/itayachtscanada.com\/wp-content\/uploads\/2025\/12\/Capture-decran-le-2025-12-02-a-09.59.55.jpg?fit=300%2C199&amp;ssl=1\" class=\"attachment-medium size-medium\" alt=\"\" srcset=\"https:\/\/i0.wp.com\/itayachtscanada.com\/wp-content\/uploads\/2025\/12\/Capture-decran-le-2025-12-02-a-09.59.55.jpg?w=1170&amp;ssl=1 1170w, https:\/\/i0.wp.com\/itayachtscanada.com\/wp-content\/uploads\/2025\/12\/Capture-decran-le-2025-12-02-a-09.59.55.jpg?resize=300%2C199&amp;ssl=1 300w, https:\/\/i0.wp.com\/itayachtscanada.com\/wp-content\/uploads\/2025\/12\/Capture-decran-le-2025-12-02-a-09.59.55.jpg?resize=1024%2C681&amp;ssl=1 1024w, https:\/\/i0.wp.com\/itayachtscanada.com\/wp-content\/uploads\/2025\/12\/Capture-decran-le-2025-12-02-a-09.59.55.jpg?resize=768%2C511&amp;ssl=1 768w, https:\/\/i0.wp.com\/itayachtscanada.com\/wp-content\/uploads\/2025\/12\/Capture-decran-le-2025-12-02-a-09.59.55.jpg?resize=700%2C465&amp;ssl=1 700w, https:\/\/i0.wp.com\/itayachtscanada.com\/wp-content\/uploads\/2025\/12\/Capture-decran-le-2025-12-02-a-09.59.55.jpg?resize=900%2C600&amp;ssl=1 900w, https:\/\/i0.wp.com\/itayachtscanada.com\/wp-content\/uploads\/2025\/12\/Capture-decran-le-2025-12-02-a-09.59.55.jpg?resize=602%2C400&amp;ssl=1 602w\" sizes=\"auto, (max-width: 300px) 100vw, 300px\" data-attachment-id=\"294144\" data-permalink=\"https:\/\/itayachtscanada.com\/fr\/listing\/sunseeker-76-yacht-2020-3295000-usd-for-sale\/capture-decran-le-2025-12-02-a-09-59-55\/\" data-orig-file=\"https:\/\/i0.wp.com\/itayachtscanada.com\/wp-content\/uploads\/2025\/12\/Capture-decran-le-2025-12-02-a-09.59.55.jpg?fit=1170%2C778&amp;ssl=1\" data-orig-size=\"1170,778\" data-comments-opened=\"1\" data-image-meta=\"{&quot;aperture&quot;:&quot;0&quot;,&quot;credit&quot;:&quot;&quot;,&quot;camera&quot;:&quot;&quot;,&quot;caption&quot;:&quot;&quot;,&quot;created_timestamp&quot;:&quot;0&quot;,&quot;copyright&quot;:&quot;&quot;,&quot;focal_length&quot;:&quot;0&quot;,&quot;iso&quot;:&quot;0&quot;,&quot;shutter_speed&quot;:&quot;0&quot;,&quot;title&quot;:&quot;&quot;,&quot;orientation&quot;:&quot;0&quot;}\" data-image-title=\"Capture d\u2019e\u0301cran, le 2025-12-02 a\u0300 09.59.55\" data-image-description=\"\" data-image-caption=\"\" data-large-file=\"https:\/\/i0.wp.com\/itayachtscanada.com\/wp-content\/uploads\/2025\/12\/Capture-decran-le-2025-12-02-a-09.59.55.jpg?fit=700%2C466&amp;ssl=1\" \/><\/a>\n\t\t\t<\/div><\/figure><figure class='gallery-item'>\n\t\t\t<div class='gallery-icon landscape'>\n\t\t\t\t<a href='https:\/\/itayachtscanada.com\/fr\/listing\/sunseeker-76-yacht-2020-3295000-usd-for-sale\/capture-decran-le-2025-12-02-a-09-59-51\/'><img loading=\"lazy\" decoding=\"async\" width=\"300\" height=\"199\" src=\"https:\/\/i0.wp.com\/itayachtscanada.com\/wp-content\/uploads\/2025\/12\/Capture-decran-le-2025-12-02-a-09.59.51.jpg?fit=300%2C199&amp;ssl=1\" class=\"attachment-medium size-medium\" alt=\"\" srcset=\"https:\/\/i0.wp.com\/itayachtscanada.com\/wp-content\/uploads\/2025\/12\/Capture-decran-le-2025-12-02-a-09.59.51.jpg?w=1170&amp;ssl=1 1170w, https:\/\/i0.wp.com\/itayachtscanada.com\/wp-content\/uploads\/2025\/12\/Capture-decran-le-2025-12-02-a-09.59.51.jpg?resize=300%2C199&amp;ssl=1 300w, https:\/\/i0.wp.com\/itayachtscanada.com\/wp-content\/uploads\/2025\/12\/Capture-decran-le-2025-12-02-a-09.59.51.jpg?resize=1024%2C681&amp;ssl=1 1024w, https:\/\/i0.wp.com\/itayachtscanada.com\/wp-content\/uploads\/2025\/12\/Capture-decran-le-2025-12-02-a-09.59.51.jpg?resize=768%2C511&amp;ssl=1 768w, https:\/\/i0.wp.com\/itayachtscanada.com\/wp-content\/uploads\/2025\/12\/Capture-decran-le-2025-12-02-a-09.59.51.jpg?resize=700%2C465&amp;ssl=1 700w, https:\/\/i0.wp.com\/itayachtscanada.com\/wp-content\/uploads\/2025\/12\/Capture-decran-le-2025-12-02-a-09.59.51.jpg?resize=900%2C600&amp;ssl=1 900w, https:\/\/i0.wp.com\/itayachtscanada.com\/wp-content\/uploads\/2025\/12\/Capture-decran-le-2025-12-02-a-09.59.51.jpg?resize=602%2C400&amp;ssl=1 602w\" sizes=\"auto, (max-width: 300px) 100vw, 300px\" data-attachment-id=\"294145\" data-permalink=\"https:\/\/itayachtscanada.com\/fr\/listing\/sunseeker-76-yacht-2020-3295000-usd-for-sale\/capture-decran-le-2025-12-02-a-09-59-51\/\" data-orig-file=\"https:\/\/i0.wp.com\/itayachtscanada.com\/wp-content\/uploads\/2025\/12\/Capture-decran-le-2025-12-02-a-09.59.51.jpg?fit=1170%2C778&amp;ssl=1\" data-orig-size=\"1170,778\" data-comments-opened=\"1\" data-image-meta=\"{&quot;aperture&quot;:&quot;0&quot;,&quot;credit&quot;:&quot;&quot;,&quot;camera&quot;:&quot;&quot;,&quot;caption&quot;:&quot;&quot;,&quot;created_timestamp&quot;:&quot;0&quot;,&quot;copyright&quot;:&quot;&quot;,&quot;focal_length&quot;:&quot;0&quot;,&quot;iso&quot;:&quot;0&quot;,&quot;shutter_speed&quot;:&quot;0&quot;,&quot;title&quot;:&quot;&quot;,&quot;orientation&quot;:&quot;0&quot;}\" data-image-title=\"Capture d\u2019e\u0301cran, le 2025-12-02 a\u0300 09.59.51\" data-image-description=\"\" data-image-caption=\"\" data-large-file=\"https:\/\/i0.wp.com\/itayachtscanada.com\/wp-content\/uploads\/2025\/12\/Capture-decran-le-2025-12-02-a-09.59.51.jpg?fit=700%2C466&amp;ssl=1\" \/><\/a>\n\t\t\t<\/div><\/figure><figure class='gallery-item'>\n\t\t\t<div class='gallery-icon landscape'>\n\t\t\t\t<a href='https:\/\/itayachtscanada.com\/fr\/listing\/sunseeker-76-yacht-2020-3295000-usd-for-sale\/capture-decran-le-2025-12-02-a-09-59-48\/'><img loading=\"lazy\" decoding=\"async\" width=\"300\" height=\"199\" src=\"https:\/\/i0.wp.com\/itayachtscanada.com\/wp-content\/uploads\/2025\/12\/Capture-decran-le-2025-12-02-a-09.59.48.jpg?fit=300%2C199&amp;ssl=1\" class=\"attachment-medium size-medium\" alt=\"\" srcset=\"https:\/\/i0.wp.com\/itayachtscanada.com\/wp-content\/uploads\/2025\/12\/Capture-decran-le-2025-12-02-a-09.59.48.jpg?w=1170&amp;ssl=1 1170w, https:\/\/i0.wp.com\/itayachtscanada.com\/wp-content\/uploads\/2025\/12\/Capture-decran-le-2025-12-02-a-09.59.48.jpg?resize=300%2C199&amp;ssl=1 300w, https:\/\/i0.wp.com\/itayachtscanada.com\/wp-content\/uploads\/2025\/12\/Capture-decran-le-2025-12-02-a-09.59.48.jpg?resize=1024%2C681&amp;ssl=1 1024w, https:\/\/i0.wp.com\/itayachtscanada.com\/wp-content\/uploads\/2025\/12\/Capture-decran-le-2025-12-02-a-09.59.48.jpg?resize=768%2C511&amp;ssl=1 768w, https:\/\/i0.wp.com\/itayachtscanada.com\/wp-content\/uploads\/2025\/12\/Capture-decran-le-2025-12-02-a-09.59.48.jpg?resize=700%2C465&amp;ssl=1 700w, https:\/\/i0.wp.com\/itayachtscanada.com\/wp-content\/uploads\/2025\/12\/Capture-decran-le-2025-12-02-a-09.59.48.jpg?resize=900%2C600&amp;ssl=1 900w, https:\/\/i0.wp.com\/itayachtscanada.com\/wp-content\/uploads\/2025\/12\/Capture-decran-le-2025-12-02-a-09.59.48.jpg?resize=602%2C400&amp;ssl=1 602w\" sizes=\"auto, (max-width: 300px) 100vw, 300px\" data-attachment-id=\"294146\" data-permalink=\"https:\/\/itayachtscanada.com\/fr\/listing\/sunseeker-76-yacht-2020-3295000-usd-for-sale\/capture-decran-le-2025-12-02-a-09-59-48\/\" data-orig-file=\"https:\/\/i0.wp.com\/itayachtscanada.com\/wp-content\/uploads\/2025\/12\/Capture-decran-le-2025-12-02-a-09.59.48.jpg?fit=1170%2C778&amp;ssl=1\" data-orig-size=\"1170,778\" data-comments-opened=\"1\" data-image-meta=\"{&quot;aperture&quot;:&quot;0&quot;,&quot;credit&quot;:&quot;&quot;,&quot;camera&quot;:&quot;&quot;,&quot;caption&quot;:&quot;&quot;,&quot;created_timestamp&quot;:&quot;0&quot;,&quot;copyright&quot;:&quot;&quot;,&quot;focal_length&quot;:&quot;0&quot;,&quot;iso&quot;:&quot;0&quot;,&quot;shutter_speed&quot;:&quot;0&quot;,&quot;title&quot;:&quot;&quot;,&quot;orientation&quot;:&quot;0&quot;}\" data-image-title=\"Capture d\u2019e\u0301cran, le 2025-12-02 a\u0300 09.59.48\" data-image-description=\"\" data-image-caption=\"\" data-large-file=\"https:\/\/i0.wp.com\/itayachtscanada.com\/wp-content\/uploads\/2025\/12\/Capture-decran-le-2025-12-02-a-09.59.48.jpg?fit=700%2C466&amp;ssl=1\" \/><\/a>\n\t\t\t<\/div><\/figure><figure class='gallery-item'>\n\t\t\t<div class='gallery-icon landscape'>\n\t\t\t\t<a href='https:\/\/itayachtscanada.com\/fr\/listing\/sunseeker-76-yacht-2020-3295000-usd-for-sale\/capture-decran-le-2025-12-02-a-09-59-44\/'><img loading=\"lazy\" decoding=\"async\" width=\"300\" height=\"199\" src=\"https:\/\/i0.wp.com\/itayachtscanada.com\/wp-content\/uploads\/2025\/12\/Capture-decran-le-2025-12-02-a-09.59.44.jpg?fit=300%2C199&amp;ssl=1\" class=\"attachment-medium size-medium\" alt=\"\" srcset=\"https:\/\/i0.wp.com\/itayachtscanada.com\/wp-content\/uploads\/2025\/12\/Capture-decran-le-2025-12-02-a-09.59.44.jpg?w=1170&amp;ssl=1 1170w, https:\/\/i0.wp.com\/itayachtscanada.com\/wp-content\/uploads\/2025\/12\/Capture-decran-le-2025-12-02-a-09.59.44.jpg?resize=300%2C199&amp;ssl=1 300w, https:\/\/i0.wp.com\/itayachtscanada.com\/wp-content\/uploads\/2025\/12\/Capture-decran-le-2025-12-02-a-09.59.44.jpg?resize=1024%2C681&amp;ssl=1 1024w, https:\/\/i0.wp.com\/itayachtscanada.com\/wp-content\/uploads\/2025\/12\/Capture-decran-le-2025-12-02-a-09.59.44.jpg?resize=768%2C511&amp;ssl=1 768w, https:\/\/i0.wp.com\/itayachtscanada.com\/wp-content\/uploads\/2025\/12\/Capture-decran-le-2025-12-02-a-09.59.44.jpg?resize=700%2C465&amp;ssl=1 700w, https:\/\/i0.wp.com\/itayachtscanada.com\/wp-content\/uploads\/2025\/12\/Capture-decran-le-2025-12-02-a-09.59.44.jpg?resize=900%2C600&amp;ssl=1 900w, https:\/\/i0.wp.com\/itayachtscanada.com\/wp-content\/uploads\/2025\/12\/Capture-decran-le-2025-12-02-a-09.59.44.jpg?resize=602%2C400&amp;ssl=1 602w\" sizes=\"auto, (max-width: 300px) 100vw, 300px\" data-attachment-id=\"294147\" data-permalink=\"https:\/\/itayachtscanada.com\/fr\/listing\/sunseeker-76-yacht-2020-3295000-usd-for-sale\/capture-decran-le-2025-12-02-a-09-59-44\/\" data-orig-file=\"https:\/\/i0.wp.com\/itayachtscanada.com\/wp-content\/uploads\/2025\/12\/Capture-decran-le-2025-12-02-a-09.59.44.jpg?fit=1170%2C778&amp;ssl=1\" data-orig-size=\"1170,778\" data-comments-opened=\"1\" data-image-meta=\"{&quot;aperture&quot;:&quot;0&quot;,&quot;credit&quot;:&quot;&quot;,&quot;camera&quot;:&quot;&quot;,&quot;caption&quot;:&quot;&quot;,&quot;created_timestamp&quot;:&quot;0&quot;,&quot;copyright&quot;:&quot;&quot;,&quot;focal_length&quot;:&quot;0&quot;,&quot;iso&quot;:&quot;0&quot;,&quot;shutter_speed&quot;:&quot;0&quot;,&quot;title&quot;:&quot;&quot;,&quot;orientation&quot;:&quot;0&quot;}\" data-image-title=\"Capture d\u2019e\u0301cran, le 2025-12-02 a\u0300 09.59.44\" data-image-description=\"\" data-image-caption=\"\" data-large-file=\"https:\/\/i0.wp.com\/itayachtscanada.com\/wp-content\/uploads\/2025\/12\/Capture-decran-le-2025-12-02-a-09.59.44.jpg?fit=700%2C466&amp;ssl=1\" \/><\/a>\n\t\t\t<\/div><\/figure><figure class='gallery-item'>\n\t\t\t<div class='gallery-icon landscape'>\n\t\t\t\t<a href='https:\/\/itayachtscanada.com\/fr\/listing\/sunseeker-76-yacht-2020-3295000-usd-for-sale\/capture-decran-le-2025-12-02-a-09-59-40\/'><img loading=\"lazy\" decoding=\"async\" width=\"300\" height=\"199\" src=\"https:\/\/i0.wp.com\/itayachtscanada.com\/wp-content\/uploads\/2025\/12\/Capture-decran-le-2025-12-02-a-09.59.40.jpg?fit=300%2C199&amp;ssl=1\" class=\"attachment-medium size-medium\" alt=\"\" srcset=\"https:\/\/i0.wp.com\/itayachtscanada.com\/wp-content\/uploads\/2025\/12\/Capture-decran-le-2025-12-02-a-09.59.40.jpg?w=1170&amp;ssl=1 1170w, https:\/\/i0.wp.com\/itayachtscanada.com\/wp-content\/uploads\/2025\/12\/Capture-decran-le-2025-12-02-a-09.59.40.jpg?resize=300%2C199&amp;ssl=1 300w, https:\/\/i0.wp.com\/itayachtscanada.com\/wp-content\/uploads\/2025\/12\/Capture-decran-le-2025-12-02-a-09.59.40.jpg?resize=1024%2C681&amp;ssl=1 1024w, https:\/\/i0.wp.com\/itayachtscanada.com\/wp-content\/uploads\/2025\/12\/Capture-decran-le-2025-12-02-a-09.59.40.jpg?resize=768%2C511&amp;ssl=1 768w, https:\/\/i0.wp.com\/itayachtscanada.com\/wp-content\/uploads\/2025\/12\/Capture-decran-le-2025-12-02-a-09.59.40.jpg?resize=700%2C465&amp;ssl=1 700w, https:\/\/i0.wp.com\/itayachtscanada.com\/wp-content\/uploads\/2025\/12\/Capture-decran-le-2025-12-02-a-09.59.40.jpg?resize=900%2C600&amp;ssl=1 900w, https:\/\/i0.wp.com\/itayachtscanada.com\/wp-content\/uploads\/2025\/12\/Capture-decran-le-2025-12-02-a-09.59.40.jpg?resize=602%2C400&amp;ssl=1 602w\" sizes=\"auto, (max-width: 300px) 100vw, 300px\" data-attachment-id=\"294148\" data-permalink=\"https:\/\/itayachtscanada.com\/fr\/listing\/sunseeker-76-yacht-2020-3295000-usd-for-sale\/capture-decran-le-2025-12-02-a-09-59-40\/\" data-orig-file=\"https:\/\/i0.wp.com\/itayachtscanada.com\/wp-content\/uploads\/2025\/12\/Capture-decran-le-2025-12-02-a-09.59.40.jpg?fit=1170%2C778&amp;ssl=1\" data-orig-size=\"1170,778\" data-comments-opened=\"1\" data-image-meta=\"{&quot;aperture&quot;:&quot;0&quot;,&quot;credit&quot;:&quot;&quot;,&quot;camera&quot;:&quot;&quot;,&quot;caption&quot;:&quot;&quot;,&quot;created_timestamp&quot;:&quot;0&quot;,&quot;copyright&quot;:&quot;&quot;,&quot;focal_length&quot;:&quot;0&quot;,&quot;iso&quot;:&quot;0&quot;,&quot;shutter_speed&quot;:&quot;0&quot;,&quot;title&quot;:&quot;&quot;,&quot;orientation&quot;:&quot;0&quot;}\" data-image-title=\"Capture d\u2019e\u0301cran, le 2025-12-02 a\u0300 09.59.40\" data-image-description=\"\" data-image-caption=\"\" data-large-file=\"https:\/\/i0.wp.com\/itayachtscanada.com\/wp-content\/uploads\/2025\/12\/Capture-decran-le-2025-12-02-a-09.59.40.jpg?fit=700%2C466&amp;ssl=1\" \/><\/a>\n\t\t\t<\/div><\/figure><figure class='gallery-item'>\n\t\t\t<div class='gallery-icon landscape'>\n\t\t\t\t<a href='https:\/\/itayachtscanada.com\/fr\/listing\/sunseeker-76-yacht-2020-3295000-usd-for-sale\/capture-decran-le-2025-12-02-a-09-59-36\/'><img loading=\"lazy\" decoding=\"async\" width=\"300\" height=\"199\" src=\"https:\/\/i0.wp.com\/itayachtscanada.com\/wp-content\/uploads\/2025\/12\/Capture-decran-le-2025-12-02-a-09.59.36.jpg?fit=300%2C199&amp;ssl=1\" class=\"attachment-medium size-medium\" alt=\"\" srcset=\"https:\/\/i0.wp.com\/itayachtscanada.com\/wp-content\/uploads\/2025\/12\/Capture-decran-le-2025-12-02-a-09.59.36.jpg?w=1170&amp;ssl=1 1170w, https:\/\/i0.wp.com\/itayachtscanada.com\/wp-content\/uploads\/2025\/12\/Capture-decran-le-2025-12-02-a-09.59.36.jpg?resize=300%2C199&amp;ssl=1 300w, https:\/\/i0.wp.com\/itayachtscanada.com\/wp-content\/uploads\/2025\/12\/Capture-decran-le-2025-12-02-a-09.59.36.jpg?resize=1024%2C681&amp;ssl=1 1024w, https:\/\/i0.wp.com\/itayachtscanada.com\/wp-content\/uploads\/2025\/12\/Capture-decran-le-2025-12-02-a-09.59.36.jpg?resize=768%2C511&amp;ssl=1 768w, https:\/\/i0.wp.com\/itayachtscanada.com\/wp-content\/uploads\/2025\/12\/Capture-decran-le-2025-12-02-a-09.59.36.jpg?resize=700%2C465&amp;ssl=1 700w, https:\/\/i0.wp.com\/itayachtscanada.com\/wp-content\/uploads\/2025\/12\/Capture-decran-le-2025-12-02-a-09.59.36.jpg?resize=900%2C600&amp;ssl=1 900w, https:\/\/i0.wp.com\/itayachtscanada.com\/wp-content\/uploads\/2025\/12\/Capture-decran-le-2025-12-02-a-09.59.36.jpg?resize=602%2C400&amp;ssl=1 602w\" sizes=\"auto, (max-width: 300px) 100vw, 300px\" data-attachment-id=\"294149\" data-permalink=\"https:\/\/itayachtscanada.com\/fr\/listing\/sunseeker-76-yacht-2020-3295000-usd-for-sale\/capture-decran-le-2025-12-02-a-09-59-36\/\" data-orig-file=\"https:\/\/i0.wp.com\/itayachtscanada.com\/wp-content\/uploads\/2025\/12\/Capture-decran-le-2025-12-02-a-09.59.36.jpg?fit=1170%2C778&amp;ssl=1\" data-orig-size=\"1170,778\" data-comments-opened=\"1\" data-image-meta=\"{&quot;aperture&quot;:&quot;0&quot;,&quot;credit&quot;:&quot;&quot;,&quot;camera&quot;:&quot;&quot;,&quot;caption&quot;:&quot;&quot;,&quot;created_timestamp&quot;:&quot;0&quot;,&quot;copyright&quot;:&quot;&quot;,&quot;focal_length&quot;:&quot;0&quot;,&quot;iso&quot;:&quot;0&quot;,&quot;shutter_speed&quot;:&quot;0&quot;,&quot;title&quot;:&quot;&quot;,&quot;orientation&quot;:&quot;0&quot;}\" data-image-title=\"Capture d\u2019e\u0301cran, le 2025-12-02 a\u0300 09.59.36\" data-image-description=\"\" data-image-caption=\"\" data-large-file=\"https:\/\/i0.wp.com\/itayachtscanada.com\/wp-content\/uploads\/2025\/12\/Capture-decran-le-2025-12-02-a-09.59.36.jpg?fit=700%2C466&amp;ssl=1\" \/><\/a>\n\t\t\t<\/div><\/figure><figure class='gallery-item'>\n\t\t\t<div class='gallery-icon landscape'>\n\t\t\t\t<a href='https:\/\/itayachtscanada.com\/fr\/listing\/sunseeker-76-yacht-2020-3295000-usd-for-sale\/capture-decran-le-2025-12-02-a-09-59-25\/'><img loading=\"lazy\" decoding=\"async\" width=\"300\" height=\"199\" src=\"https:\/\/i0.wp.com\/itayachtscanada.com\/wp-content\/uploads\/2025\/12\/Capture-decran-le-2025-12-02-a-09.59.25.jpg?fit=300%2C199&amp;ssl=1\" class=\"attachment-medium size-medium\" alt=\"\" srcset=\"https:\/\/i0.wp.com\/itayachtscanada.com\/wp-content\/uploads\/2025\/12\/Capture-decran-le-2025-12-02-a-09.59.25.jpg?w=1170&amp;ssl=1 1170w, https:\/\/i0.wp.com\/itayachtscanada.com\/wp-content\/uploads\/2025\/12\/Capture-decran-le-2025-12-02-a-09.59.25.jpg?resize=300%2C199&amp;ssl=1 300w, https:\/\/i0.wp.com\/itayachtscanada.com\/wp-content\/uploads\/2025\/12\/Capture-decran-le-2025-12-02-a-09.59.25.jpg?resize=1024%2C681&amp;ssl=1 1024w, https:\/\/i0.wp.com\/itayachtscanada.com\/wp-content\/uploads\/2025\/12\/Capture-decran-le-2025-12-02-a-09.59.25.jpg?resize=768%2C511&amp;ssl=1 768w, https:\/\/i0.wp.com\/itayachtscanada.com\/wp-content\/uploads\/2025\/12\/Capture-decran-le-2025-12-02-a-09.59.25.jpg?resize=700%2C465&amp;ssl=1 700w, https:\/\/i0.wp.com\/itayachtscanada.com\/wp-content\/uploads\/2025\/12\/Capture-decran-le-2025-12-02-a-09.59.25.jpg?resize=900%2C600&amp;ssl=1 900w, https:\/\/i0.wp.com\/itayachtscanada.com\/wp-content\/uploads\/2025\/12\/Capture-decran-le-2025-12-02-a-09.59.25.jpg?resize=602%2C400&amp;ssl=1 602w\" sizes=\"auto, (max-width: 300px) 100vw, 300px\" data-attachment-id=\"294150\" data-permalink=\"https:\/\/itayachtscanada.com\/fr\/listing\/sunseeker-76-yacht-2020-3295000-usd-for-sale\/capture-decran-le-2025-12-02-a-09-59-25\/\" data-orig-file=\"https:\/\/i0.wp.com\/itayachtscanada.com\/wp-content\/uploads\/2025\/12\/Capture-decran-le-2025-12-02-a-09.59.25.jpg?fit=1170%2C778&amp;ssl=1\" data-orig-size=\"1170,778\" data-comments-opened=\"1\" data-image-meta=\"{&quot;aperture&quot;:&quot;0&quot;,&quot;credit&quot;:&quot;&quot;,&quot;camera&quot;:&quot;&quot;,&quot;caption&quot;:&quot;&quot;,&quot;created_timestamp&quot;:&quot;0&quot;,&quot;copyright&quot;:&quot;&quot;,&quot;focal_length&quot;:&quot;0&quot;,&quot;iso&quot;:&quot;0&quot;,&quot;shutter_speed&quot;:&quot;0&quot;,&quot;title&quot;:&quot;&quot;,&quot;orientation&quot;:&quot;0&quot;}\" data-image-title=\"Capture d\u2019e\u0301cran, le 2025-12-02 a\u0300 09.59.25\" data-image-description=\"\" data-image-caption=\"\" data-large-file=\"https:\/\/i0.wp.com\/itayachtscanada.com\/wp-content\/uploads\/2025\/12\/Capture-decran-le-2025-12-02-a-09.59.25.jpg?fit=700%2C466&amp;ssl=1\" \/><\/a>\n\t\t\t<\/div><\/figure><figure class='gallery-item'>\n\t\t\t<div class='gallery-icon landscape'>\n\t\t\t\t<a href='https:\/\/itayachtscanada.com\/fr\/listing\/sunseeker-76-yacht-2020-3295000-usd-for-sale\/capture-decran-le-2025-12-02-a-09-59-21\/'><img loading=\"lazy\" decoding=\"async\" width=\"300\" height=\"199\" src=\"https:\/\/i0.wp.com\/itayachtscanada.com\/wp-content\/uploads\/2025\/12\/Capture-decran-le-2025-12-02-a-09.59.21.jpg?fit=300%2C199&amp;ssl=1\" class=\"attachment-medium size-medium\" alt=\"\" srcset=\"https:\/\/i0.wp.com\/itayachtscanada.com\/wp-content\/uploads\/2025\/12\/Capture-decran-le-2025-12-02-a-09.59.21.jpg?w=1170&amp;ssl=1 1170w, https:\/\/i0.wp.com\/itayachtscanada.com\/wp-content\/uploads\/2025\/12\/Capture-decran-le-2025-12-02-a-09.59.21.jpg?resize=300%2C199&amp;ssl=1 300w, https:\/\/i0.wp.com\/itayachtscanada.com\/wp-content\/uploads\/2025\/12\/Capture-decran-le-2025-12-02-a-09.59.21.jpg?resize=1024%2C681&amp;ssl=1 1024w, https:\/\/i0.wp.com\/itayachtscanada.com\/wp-content\/uploads\/2025\/12\/Capture-decran-le-2025-12-02-a-09.59.21.jpg?resize=768%2C511&amp;ssl=1 768w, https:\/\/i0.wp.com\/itayachtscanada.com\/wp-content\/uploads\/2025\/12\/Capture-decran-le-2025-12-02-a-09.59.21.jpg?resize=700%2C465&amp;ssl=1 700w, https:\/\/i0.wp.com\/itayachtscanada.com\/wp-content\/uploads\/2025\/12\/Capture-decran-le-2025-12-02-a-09.59.21.jpg?resize=900%2C600&amp;ssl=1 900w, https:\/\/i0.wp.com\/itayachtscanada.com\/wp-content\/uploads\/2025\/12\/Capture-decran-le-2025-12-02-a-09.59.21.jpg?resize=602%2C400&amp;ssl=1 602w\" sizes=\"auto, (max-width: 300px) 100vw, 300px\" data-attachment-id=\"294151\" data-permalink=\"https:\/\/itayachtscanada.com\/fr\/listing\/sunseeker-76-yacht-2020-3295000-usd-for-sale\/capture-decran-le-2025-12-02-a-09-59-21\/\" data-orig-file=\"https:\/\/i0.wp.com\/itayachtscanada.com\/wp-content\/uploads\/2025\/12\/Capture-decran-le-2025-12-02-a-09.59.21.jpg?fit=1170%2C778&amp;ssl=1\" data-orig-size=\"1170,778\" data-comments-opened=\"1\" data-image-meta=\"{&quot;aperture&quot;:&quot;0&quot;,&quot;credit&quot;:&quot;&quot;,&quot;camera&quot;:&quot;&quot;,&quot;caption&quot;:&quot;&quot;,&quot;created_timestamp&quot;:&quot;0&quot;,&quot;copyright&quot;:&quot;&quot;,&quot;focal_length&quot;:&quot;0&quot;,&quot;iso&quot;:&quot;0&quot;,&quot;shutter_speed&quot;:&quot;0&quot;,&quot;title&quot;:&quot;&quot;,&quot;orientation&quot;:&quot;0&quot;}\" data-image-title=\"Capture d\u2019e\u0301cran, le 2025-12-02 a\u0300 09.59.21\" data-image-description=\"\" data-image-caption=\"\" data-large-file=\"https:\/\/i0.wp.com\/itayachtscanada.com\/wp-content\/uploads\/2025\/12\/Capture-decran-le-2025-12-02-a-09.59.21.jpg?fit=700%2C466&amp;ssl=1\" \/><\/a>\n\t\t\t<\/div><\/figure><figure class='gallery-item'>\n\t\t\t<div class='gallery-icon landscape'>\n\t\t\t\t<a href='https:\/\/itayachtscanada.com\/fr\/listing\/sunseeker-76-yacht-2020-3295000-usd-for-sale\/capture-decran-le-2025-12-02-a-09-59-10\/'><img loading=\"lazy\" decoding=\"async\" width=\"300\" height=\"199\" src=\"https:\/\/i0.wp.com\/itayachtscanada.com\/wp-content\/uploads\/2025\/12\/Capture-decran-le-2025-12-02-a-09.59.10.jpg?fit=300%2C199&amp;ssl=1\" class=\"attachment-medium size-medium\" alt=\"\" srcset=\"https:\/\/i0.wp.com\/itayachtscanada.com\/wp-content\/uploads\/2025\/12\/Capture-decran-le-2025-12-02-a-09.59.10.jpg?w=1170&amp;ssl=1 1170w, https:\/\/i0.wp.com\/itayachtscanada.com\/wp-content\/uploads\/2025\/12\/Capture-decran-le-2025-12-02-a-09.59.10.jpg?resize=300%2C199&amp;ssl=1 300w, https:\/\/i0.wp.com\/itayachtscanada.com\/wp-content\/uploads\/2025\/12\/Capture-decran-le-2025-12-02-a-09.59.10.jpg?resize=1024%2C681&amp;ssl=1 1024w, https:\/\/i0.wp.com\/itayachtscanada.com\/wp-content\/uploads\/2025\/12\/Capture-decran-le-2025-12-02-a-09.59.10.jpg?resize=768%2C511&amp;ssl=1 768w, https:\/\/i0.wp.com\/itayachtscanada.com\/wp-content\/uploads\/2025\/12\/Capture-decran-le-2025-12-02-a-09.59.10.jpg?resize=700%2C465&amp;ssl=1 700w, https:\/\/i0.wp.com\/itayachtscanada.com\/wp-content\/uploads\/2025\/12\/Capture-decran-le-2025-12-02-a-09.59.10.jpg?resize=900%2C600&amp;ssl=1 900w, https:\/\/i0.wp.com\/itayachtscanada.com\/wp-content\/uploads\/2025\/12\/Capture-decran-le-2025-12-02-a-09.59.10.jpg?resize=602%2C400&amp;ssl=1 602w\" sizes=\"auto, (max-width: 300px) 100vw, 300px\" data-attachment-id=\"294152\" data-permalink=\"https:\/\/itayachtscanada.com\/fr\/listing\/sunseeker-76-yacht-2020-3295000-usd-for-sale\/capture-decran-le-2025-12-02-a-09-59-10\/\" data-orig-file=\"https:\/\/i0.wp.com\/itayachtscanada.com\/wp-content\/uploads\/2025\/12\/Capture-decran-le-2025-12-02-a-09.59.10.jpg?fit=1170%2C778&amp;ssl=1\" data-orig-size=\"1170,778\" data-comments-opened=\"1\" data-image-meta=\"{&quot;aperture&quot;:&quot;0&quot;,&quot;credit&quot;:&quot;&quot;,&quot;camera&quot;:&quot;&quot;,&quot;caption&quot;:&quot;&quot;,&quot;created_timestamp&quot;:&quot;0&quot;,&quot;copyright&quot;:&quot;&quot;,&quot;focal_length&quot;:&quot;0&quot;,&quot;iso&quot;:&quot;0&quot;,&quot;shutter_speed&quot;:&quot;0&quot;,&quot;title&quot;:&quot;&quot;,&quot;orientation&quot;:&quot;0&quot;}\" data-image-title=\"Capture d\u2019e\u0301cran, le 2025-12-02 a\u0300 09.59.10\" data-image-description=\"\" data-image-caption=\"\" data-large-file=\"https:\/\/i0.wp.com\/itayachtscanada.com\/wp-content\/uploads\/2025\/12\/Capture-decran-le-2025-12-02-a-09.59.10.jpg?fit=700%2C466&amp;ssl=1\" \/><\/a>\n\t\t\t<\/div><\/figure><figure class='gallery-item'>\n\t\t\t<div class='gallery-icon landscape'>\n\t\t\t\t<a href='https:\/\/itayachtscanada.com\/fr\/listing\/sunseeker-76-yacht-2020-3295000-usd-for-sale\/capture-decran-le-2025-12-02-a-09-59-02\/'><img loading=\"lazy\" decoding=\"async\" width=\"300\" height=\"199\" src=\"https:\/\/i0.wp.com\/itayachtscanada.com\/wp-content\/uploads\/2025\/12\/Capture-decran-le-2025-12-02-a-09.59.02.jpg?fit=300%2C199&amp;ssl=1\" class=\"attachment-medium size-medium\" alt=\"\" srcset=\"https:\/\/i0.wp.com\/itayachtscanada.com\/wp-content\/uploads\/2025\/12\/Capture-decran-le-2025-12-02-a-09.59.02.jpg?w=1170&amp;ssl=1 1170w, https:\/\/i0.wp.com\/itayachtscanada.com\/wp-content\/uploads\/2025\/12\/Capture-decran-le-2025-12-02-a-09.59.02.jpg?resize=300%2C199&amp;ssl=1 300w, https:\/\/i0.wp.com\/itayachtscanada.com\/wp-content\/uploads\/2025\/12\/Capture-decran-le-2025-12-02-a-09.59.02.jpg?resize=1024%2C681&amp;ssl=1 1024w, https:\/\/i0.wp.com\/itayachtscanada.com\/wp-content\/uploads\/2025\/12\/Capture-decran-le-2025-12-02-a-09.59.02.jpg?resize=768%2C511&amp;ssl=1 768w, https:\/\/i0.wp.com\/itayachtscanada.com\/wp-content\/uploads\/2025\/12\/Capture-decran-le-2025-12-02-a-09.59.02.jpg?resize=700%2C465&amp;ssl=1 700w, https:\/\/i0.wp.com\/itayachtscanada.com\/wp-content\/uploads\/2025\/12\/Capture-decran-le-2025-12-02-a-09.59.02.jpg?resize=900%2C600&amp;ssl=1 900w, https:\/\/i0.wp.com\/itayachtscanada.com\/wp-content\/uploads\/2025\/12\/Capture-decran-le-2025-12-02-a-09.59.02.jpg?resize=602%2C400&amp;ssl=1 602w\" sizes=\"auto, (max-width: 300px) 100vw, 300px\" data-attachment-id=\"294153\" data-permalink=\"https:\/\/itayachtscanada.com\/fr\/listing\/sunseeker-76-yacht-2020-3295000-usd-for-sale\/capture-decran-le-2025-12-02-a-09-59-02\/\" data-orig-file=\"https:\/\/i0.wp.com\/itayachtscanada.com\/wp-content\/uploads\/2025\/12\/Capture-decran-le-2025-12-02-a-09.59.02.jpg?fit=1170%2C778&amp;ssl=1\" data-orig-size=\"1170,778\" data-comments-opened=\"1\" data-image-meta=\"{&quot;aperture&quot;:&quot;0&quot;,&quot;credit&quot;:&quot;&quot;,&quot;camera&quot;:&quot;&quot;,&quot;caption&quot;:&quot;&quot;,&quot;created_timestamp&quot;:&quot;0&quot;,&quot;copyright&quot;:&quot;&quot;,&quot;focal_length&quot;:&quot;0&quot;,&quot;iso&quot;:&quot;0&quot;,&quot;shutter_speed&quot;:&quot;0&quot;,&quot;title&quot;:&quot;&quot;,&quot;orientation&quot;:&quot;0&quot;}\" data-image-title=\"Capture d\u2019e\u0301cran, le 2025-12-02 a\u0300 09.59.02\" data-image-description=\"\" data-image-caption=\"\" data-large-file=\"https:\/\/i0.wp.com\/itayachtscanada.com\/wp-content\/uploads\/2025\/12\/Capture-decran-le-2025-12-02-a-09.59.02.jpg?fit=700%2C466&amp;ssl=1\" \/><\/a>\n\t\t\t<\/div><\/figure><figure class='gallery-item'>\n\t\t\t<div class='gallery-icon portrait'>\n\t\t\t\t<a href='https:\/\/itayachtscanada.com\/fr\/listing\/sunseeker-76-yacht-2020-3295000-usd-for-sale\/capture-decran-le-2025-12-02-a-09-58-58\/'><img loading=\"lazy\" decoding=\"async\" width=\"201\" height=\"300\" src=\"https:\/\/i0.wp.com\/itayachtscanada.com\/wp-content\/uploads\/2025\/12\/Capture-decran-le-2025-12-02-a-09.58.58.jpg?fit=201%2C300&amp;ssl=1\" class=\"attachment-medium size-medium\" alt=\"\" srcset=\"https:\/\/i0.wp.com\/itayachtscanada.com\/wp-content\/uploads\/2025\/12\/Capture-decran-le-2025-12-02-a-09.58.58.jpg?w=522&amp;ssl=1 522w, https:\/\/i0.wp.com\/itayachtscanada.com\/wp-content\/uploads\/2025\/12\/Capture-decran-le-2025-12-02-a-09.58.58.jpg?resize=201%2C300&amp;ssl=1 201w, https:\/\/i0.wp.com\/itayachtscanada.com\/wp-content\/uploads\/2025\/12\/Capture-decran-le-2025-12-02-a-09.58.58.jpg?resize=268%2C400&amp;ssl=1 268w\" sizes=\"auto, (max-width: 201px) 100vw, 201px\" data-attachment-id=\"294154\" data-permalink=\"https:\/\/itayachtscanada.com\/fr\/listing\/sunseeker-76-yacht-2020-3295000-usd-for-sale\/capture-decran-le-2025-12-02-a-09-58-58\/\" data-orig-file=\"https:\/\/i0.wp.com\/itayachtscanada.com\/wp-content\/uploads\/2025\/12\/Capture-decran-le-2025-12-02-a-09.58.58.jpg?fit=522%2C778&amp;ssl=1\" data-orig-size=\"522,778\" data-comments-opened=\"1\" data-image-meta=\"{&quot;aperture&quot;:&quot;0&quot;,&quot;credit&quot;:&quot;&quot;,&quot;camera&quot;:&quot;&quot;,&quot;caption&quot;:&quot;&quot;,&quot;created_timestamp&quot;:&quot;0&quot;,&quot;copyright&quot;:&quot;&quot;,&quot;focal_length&quot;:&quot;0&quot;,&quot;iso&quot;:&quot;0&quot;,&quot;shutter_speed&quot;:&quot;0&quot;,&quot;title&quot;:&quot;&quot;,&quot;orientation&quot;:&quot;0&quot;}\" data-image-title=\"Capture d\u2019e\u0301cran, le 2025-12-02 a\u0300 09.58.58\" data-image-description=\"\" data-image-caption=\"\" data-large-file=\"https:\/\/i0.wp.com\/itayachtscanada.com\/wp-content\/uploads\/2025\/12\/Capture-decran-le-2025-12-02-a-09.58.58.jpg?fit=522%2C778&amp;ssl=1\" \/><\/a>\n\t\t\t<\/div><\/figure><figure class='gallery-item'>\n\t\t\t<div class='gallery-icon portrait'>\n\t\t\t\t<a href='https:\/\/itayachtscanada.com\/fr\/listing\/sunseeker-76-yacht-2020-3295000-usd-for-sale\/capture-decran-le-2025-12-02-a-09-58-50\/'><img loading=\"lazy\" decoding=\"async\" width=\"201\" height=\"300\" src=\"https:\/\/i0.wp.com\/itayachtscanada.com\/wp-content\/uploads\/2025\/12\/Capture-decran-le-2025-12-02-a-09.58.50.jpg?fit=201%2C300&amp;ssl=1\" class=\"attachment-medium size-medium\" alt=\"\" srcset=\"https:\/\/i0.wp.com\/itayachtscanada.com\/wp-content\/uploads\/2025\/12\/Capture-decran-le-2025-12-02-a-09.58.50.jpg?w=522&amp;ssl=1 522w, https:\/\/i0.wp.com\/itayachtscanada.com\/wp-content\/uploads\/2025\/12\/Capture-decran-le-2025-12-02-a-09.58.50.jpg?resize=201%2C300&amp;ssl=1 201w, https:\/\/i0.wp.com\/itayachtscanada.com\/wp-content\/uploads\/2025\/12\/Capture-decran-le-2025-12-02-a-09.58.50.jpg?resize=268%2C400&amp;ssl=1 268w\" sizes=\"auto, (max-width: 201px) 100vw, 201px\" data-attachment-id=\"294155\" data-permalink=\"https:\/\/itayachtscanada.com\/fr\/listing\/sunseeker-76-yacht-2020-3295000-usd-for-sale\/capture-decran-le-2025-12-02-a-09-58-50\/\" data-orig-file=\"https:\/\/i0.wp.com\/itayachtscanada.com\/wp-content\/uploads\/2025\/12\/Capture-decran-le-2025-12-02-a-09.58.50.jpg?fit=522%2C778&amp;ssl=1\" data-orig-size=\"522,778\" data-comments-opened=\"1\" data-image-meta=\"{&quot;aperture&quot;:&quot;0&quot;,&quot;credit&quot;:&quot;&quot;,&quot;camera&quot;:&quot;&quot;,&quot;caption&quot;:&quot;&quot;,&quot;created_timestamp&quot;:&quot;0&quot;,&quot;copyright&quot;:&quot;&quot;,&quot;focal_length&quot;:&quot;0&quot;,&quot;iso&quot;:&quot;0&quot;,&quot;shutter_speed&quot;:&quot;0&quot;,&quot;title&quot;:&quot;&quot;,&quot;orientation&quot;:&quot;0&quot;}\" data-image-title=\"Capture d\u2019e\u0301cran, le 2025-12-02 a\u0300 09.58.50\" data-image-description=\"\" data-image-caption=\"\" data-large-file=\"https:\/\/i0.wp.com\/itayachtscanada.com\/wp-content\/uploads\/2025\/12\/Capture-decran-le-2025-12-02-a-09.58.50.jpg?fit=522%2C778&amp;ssl=1\" \/><\/a>\n\t\t\t<\/div><\/figure><figure class='gallery-item'>\n\t\t\t<div class='gallery-icon landscape'>\n\t\t\t\t<a href='https:\/\/itayachtscanada.com\/fr\/listing\/sunseeker-76-yacht-2020-3295000-usd-for-sale\/layout-sunseeker-76-yacht-5\/'><img loading=\"lazy\" decoding=\"async\" width=\"300\" height=\"165\" src=\"https:\/\/i0.wp.com\/itayachtscanada.com\/wp-content\/uploads\/2025\/12\/Layout-Sunseeker-76-Yacht-.jpg?fit=300%2C165&amp;ssl=1\" class=\"attachment-medium size-medium\" alt=\"\" srcset=\"https:\/\/i0.wp.com\/itayachtscanada.com\/wp-content\/uploads\/2025\/12\/Layout-Sunseeker-76-Yacht-.jpg?w=1868&amp;ssl=1 1868w, https:\/\/i0.wp.com\/itayachtscanada.com\/wp-content\/uploads\/2025\/12\/Layout-Sunseeker-76-Yacht-.jpg?resize=300%2C165&amp;ssl=1 300w, https:\/\/i0.wp.com\/itayachtscanada.com\/wp-content\/uploads\/2025\/12\/Layout-Sunseeker-76-Yacht-.jpg?resize=1024%2C565&amp;ssl=1 1024w, https:\/\/i0.wp.com\/itayachtscanada.com\/wp-content\/uploads\/2025\/12\/Layout-Sunseeker-76-Yacht-.jpg?resize=768%2C423&amp;ssl=1 768w, https:\/\/i0.wp.com\/itayachtscanada.com\/wp-content\/uploads\/2025\/12\/Layout-Sunseeker-76-Yacht-.jpg?resize=1536%2C847&amp;ssl=1 1536w, https:\/\/i0.wp.com\/itayachtscanada.com\/wp-content\/uploads\/2025\/12\/Layout-Sunseeker-76-Yacht-.jpg?resize=700%2C386&amp;ssl=1 700w, https:\/\/i0.wp.com\/itayachtscanada.com\/wp-content\/uploads\/2025\/12\/Layout-Sunseeker-76-Yacht-.jpg?resize=725%2C400&amp;ssl=1 725w, https:\/\/i0.wp.com\/itayachtscanada.com\/wp-content\/uploads\/2025\/12\/Layout-Sunseeker-76-Yacht-.jpg?w=1400&amp;ssl=1 1400w\" sizes=\"auto, (max-width: 300px) 100vw, 300px\" data-attachment-id=\"294164\" data-permalink=\"https:\/\/itayachtscanada.com\/fr\/listing\/sunseeker-76-yacht-2020-3295000-usd-for-sale\/layout-sunseeker-76-yacht-5\/\" data-orig-file=\"https:\/\/i0.wp.com\/itayachtscanada.com\/wp-content\/uploads\/2025\/12\/Layout-Sunseeker-76-Yacht-.jpg?fit=1868%2C1030&amp;ssl=1\" data-orig-size=\"1868,1030\" data-comments-opened=\"1\" data-image-meta=\"{&quot;aperture&quot;:&quot;0&quot;,&quot;credit&quot;:&quot;&quot;,&quot;camera&quot;:&quot;&quot;,&quot;caption&quot;:&quot;&quot;,&quot;created_timestamp&quot;:&quot;0&quot;,&quot;copyright&quot;:&quot;&quot;,&quot;focal_length&quot;:&quot;0&quot;,&quot;iso&quot;:&quot;0&quot;,&quot;shutter_speed&quot;:&quot;0&quot;,&quot;title&quot;:&quot;&quot;,&quot;orientation&quot;:&quot;0&quot;}\" data-image-title=\"Layout Sunseeker 76 Yacht\" data-image-description=\"\" data-image-caption=\"\" data-large-file=\"https:\/\/i0.wp.com\/itayachtscanada.com\/wp-content\/uploads\/2025\/12\/Layout-Sunseeker-76-Yacht-.jpg?fit=700%2C386&amp;ssl=1\" \/><\/a>\n\t\t\t<\/div><\/figure><figure class='gallery-item'>\n\t\t\t<div class='gallery-icon landscape'>\n\t\t\t\t<a href='https:\/\/itayachtscanada.com\/fr\/listing\/sunseeker-76-yacht-2020-3295000-usd-for-sale\/capture-decran-le-2025-12-02-a-09-58-39\/'><img loading=\"lazy\" decoding=\"async\" width=\"300\" height=\"201\" src=\"https:\/\/i0.wp.com\/itayachtscanada.com\/wp-content\/uploads\/2025\/12\/Capture-decran-le-2025-12-02-a-09.58.39.jpg?fit=300%2C201&amp;ssl=1\" class=\"attachment-medium size-medium\" alt=\"\" srcset=\"https:\/\/i0.wp.com\/itayachtscanada.com\/wp-content\/uploads\/2025\/12\/Capture-decran-le-2025-12-02-a-09.58.39.jpg?w=1160&amp;ssl=1 1160w, https:\/\/i0.wp.com\/itayachtscanada.com\/wp-content\/uploads\/2025\/12\/Capture-decran-le-2025-12-02-a-09.58.39.jpg?resize=300%2C201&amp;ssl=1 300w, https:\/\/i0.wp.com\/itayachtscanada.com\/wp-content\/uploads\/2025\/12\/Capture-decran-le-2025-12-02-a-09.58.39.jpg?resize=1024%2C687&amp;ssl=1 1024w, https:\/\/i0.wp.com\/itayachtscanada.com\/wp-content\/uploads\/2025\/12\/Capture-decran-le-2025-12-02-a-09.58.39.jpg?resize=768%2C515&amp;ssl=1 768w, https:\/\/i0.wp.com\/itayachtscanada.com\/wp-content\/uploads\/2025\/12\/Capture-decran-le-2025-12-02-a-09.58.39.jpg?resize=700%2C469&amp;ssl=1 700w, https:\/\/i0.wp.com\/itayachtscanada.com\/wp-content\/uploads\/2025\/12\/Capture-decran-le-2025-12-02-a-09.58.39.jpg?resize=900%2C600&amp;ssl=1 900w, https:\/\/i0.wp.com\/itayachtscanada.com\/wp-content\/uploads\/2025\/12\/Capture-decran-le-2025-12-02-a-09.58.39.jpg?resize=596%2C400&amp;ssl=1 596w\" sizes=\"auto, (max-width: 300px) 100vw, 300px\" data-attachment-id=\"294156\" data-permalink=\"https:\/\/itayachtscanada.com\/fr\/listing\/sunseeker-76-yacht-2020-3295000-usd-for-sale\/capture-decran-le-2025-12-02-a-09-58-39\/\" data-orig-file=\"https:\/\/i0.wp.com\/itayachtscanada.com\/wp-content\/uploads\/2025\/12\/Capture-decran-le-2025-12-02-a-09.58.39.jpg?fit=1160%2C778&amp;ssl=1\" data-orig-size=\"1160,778\" data-comments-opened=\"1\" data-image-meta=\"{&quot;aperture&quot;:&quot;0&quot;,&quot;credit&quot;:&quot;&quot;,&quot;camera&quot;:&quot;&quot;,&quot;caption&quot;:&quot;&quot;,&quot;created_timestamp&quot;:&quot;0&quot;,&quot;copyright&quot;:&quot;&quot;,&quot;focal_length&quot;:&quot;0&quot;,&quot;iso&quot;:&quot;0&quot;,&quot;shutter_speed&quot;:&quot;0&quot;,&quot;title&quot;:&quot;&quot;,&quot;orientation&quot;:&quot;0&quot;}\" data-image-title=\"Capture d\u2019e\u0301cran, le 2025-12-02 a\u0300 09.58.39\" data-image-description=\"\" data-image-caption=\"\" data-large-file=\"https:\/\/i0.wp.com\/itayachtscanada.com\/wp-content\/uploads\/2025\/12\/Capture-decran-le-2025-12-02-a-09.58.39.jpg?fit=700%2C470&amp;ssl=1\" \/><\/a>\n\t\t\t<\/div><\/figure><figure class='gallery-item'>\n\t\t\t<div class='gallery-icon landscape'>\n\t\t\t\t<a href='https:\/\/itayachtscanada.com\/fr\/listing\/sunseeker-76-yacht-2020-3295000-usd-for-sale\/capture-decran-le-2025-12-02-a-09-58-35\/'><img loading=\"lazy\" decoding=\"async\" width=\"300\" height=\"201\" src=\"https:\/\/i0.wp.com\/itayachtscanada.com\/wp-content\/uploads\/2025\/12\/Capture-decran-le-2025-12-02-a-09.58.35.jpg?fit=300%2C201&amp;ssl=1\" class=\"attachment-medium size-medium\" alt=\"\" srcset=\"https:\/\/i0.wp.com\/itayachtscanada.com\/wp-content\/uploads\/2025\/12\/Capture-decran-le-2025-12-02-a-09.58.35.jpg?w=1160&amp;ssl=1 1160w, https:\/\/i0.wp.com\/itayachtscanada.com\/wp-content\/uploads\/2025\/12\/Capture-decran-le-2025-12-02-a-09.58.35.jpg?resize=300%2C201&amp;ssl=1 300w, https:\/\/i0.wp.com\/itayachtscanada.com\/wp-content\/uploads\/2025\/12\/Capture-decran-le-2025-12-02-a-09.58.35.jpg?resize=1024%2C687&amp;ssl=1 1024w, https:\/\/i0.wp.com\/itayachtscanada.com\/wp-content\/uploads\/2025\/12\/Capture-decran-le-2025-12-02-a-09.58.35.jpg?resize=768%2C515&amp;ssl=1 768w, https:\/\/i0.wp.com\/itayachtscanada.com\/wp-content\/uploads\/2025\/12\/Capture-decran-le-2025-12-02-a-09.58.35.jpg?resize=700%2C469&amp;ssl=1 700w, https:\/\/i0.wp.com\/itayachtscanada.com\/wp-content\/uploads\/2025\/12\/Capture-decran-le-2025-12-02-a-09.58.35.jpg?resize=900%2C600&amp;ssl=1 900w, https:\/\/i0.wp.com\/itayachtscanada.com\/wp-content\/uploads\/2025\/12\/Capture-decran-le-2025-12-02-a-09.58.35.jpg?resize=596%2C400&amp;ssl=1 596w\" sizes=\"auto, (max-width: 300px) 100vw, 300px\" data-attachment-id=\"294157\" data-permalink=\"https:\/\/itayachtscanada.com\/fr\/listing\/sunseeker-76-yacht-2020-3295000-usd-for-sale\/capture-decran-le-2025-12-02-a-09-58-35\/\" data-orig-file=\"https:\/\/i0.wp.com\/itayachtscanada.com\/wp-content\/uploads\/2025\/12\/Capture-decran-le-2025-12-02-a-09.58.35.jpg?fit=1160%2C778&amp;ssl=1\" data-orig-size=\"1160,778\" data-comments-opened=\"1\" data-image-meta=\"{&quot;aperture&quot;:&quot;0&quot;,&quot;credit&quot;:&quot;&quot;,&quot;camera&quot;:&quot;&quot;,&quot;caption&quot;:&quot;&quot;,&quot;created_timestamp&quot;:&quot;0&quot;,&quot;copyright&quot;:&quot;&quot;,&quot;focal_length&quot;:&quot;0&quot;,&quot;iso&quot;:&quot;0&quot;,&quot;shutter_speed&quot;:&quot;0&quot;,&quot;title&quot;:&quot;&quot;,&quot;orientation&quot;:&quot;0&quot;}\" data-image-title=\"Capture d\u2019e\u0301cran, le 2025-12-02 a\u0300 09.58.35\" data-image-description=\"\" data-image-caption=\"\" data-large-file=\"https:\/\/i0.wp.com\/itayachtscanada.com\/wp-content\/uploads\/2025\/12\/Capture-decran-le-2025-12-02-a-09.58.35.jpg?fit=700%2C470&amp;ssl=1\" \/><\/a>\n\t\t\t<\/div><\/figure><figure class='gallery-item'>\n\t\t\t<div class='gallery-icon landscape'>\n\t\t\t\t<a href='https:\/\/itayachtscanada.com\/fr\/listing\/sunseeker-76-yacht-2020-3295000-usd-for-sale\/capture-decran-le-2025-12-02-a-09-58-32\/'><img loading=\"lazy\" decoding=\"async\" width=\"300\" height=\"201\" src=\"https:\/\/i0.wp.com\/itayachtscanada.com\/wp-content\/uploads\/2025\/12\/Capture-decran-le-2025-12-02-a-09.58.32.jpg?fit=300%2C201&amp;ssl=1\" class=\"attachment-medium size-medium\" alt=\"\" srcset=\"https:\/\/i0.wp.com\/itayachtscanada.com\/wp-content\/uploads\/2025\/12\/Capture-decran-le-2025-12-02-a-09.58.32.jpg?w=1160&amp;ssl=1 1160w, https:\/\/i0.wp.com\/itayachtscanada.com\/wp-content\/uploads\/2025\/12\/Capture-decran-le-2025-12-02-a-09.58.32.jpg?resize=300%2C201&amp;ssl=1 300w, https:\/\/i0.wp.com\/itayachtscanada.com\/wp-content\/uploads\/2025\/12\/Capture-decran-le-2025-12-02-a-09.58.32.jpg?resize=1024%2C687&amp;ssl=1 1024w, https:\/\/i0.wp.com\/itayachtscanada.com\/wp-content\/uploads\/2025\/12\/Capture-decran-le-2025-12-02-a-09.58.32.jpg?resize=768%2C515&amp;ssl=1 768w, https:\/\/i0.wp.com\/itayachtscanada.com\/wp-content\/uploads\/2025\/12\/Capture-decran-le-2025-12-02-a-09.58.32.jpg?resize=700%2C469&amp;ssl=1 700w, https:\/\/i0.wp.com\/itayachtscanada.com\/wp-content\/uploads\/2025\/12\/Capture-decran-le-2025-12-02-a-09.58.32.jpg?resize=900%2C600&amp;ssl=1 900w, https:\/\/i0.wp.com\/itayachtscanada.com\/wp-content\/uploads\/2025\/12\/Capture-decran-le-2025-12-02-a-09.58.32.jpg?resize=596%2C400&amp;ssl=1 596w\" sizes=\"auto, (max-width: 300px) 100vw, 300px\" data-attachment-id=\"294158\" data-permalink=\"https:\/\/itayachtscanada.com\/fr\/listing\/sunseeker-76-yacht-2020-3295000-usd-for-sale\/capture-decran-le-2025-12-02-a-09-58-32\/\" data-orig-file=\"https:\/\/i0.wp.com\/itayachtscanada.com\/wp-content\/uploads\/2025\/12\/Capture-decran-le-2025-12-02-a-09.58.32.jpg?fit=1160%2C778&amp;ssl=1\" data-orig-size=\"1160,778\" data-comments-opened=\"1\" data-image-meta=\"{&quot;aperture&quot;:&quot;0&quot;,&quot;credit&quot;:&quot;&quot;,&quot;camera&quot;:&quot;&quot;,&quot;caption&quot;:&quot;&quot;,&quot;created_timestamp&quot;:&quot;0&quot;,&quot;copyright&quot;:&quot;&quot;,&quot;focal_length&quot;:&quot;0&quot;,&quot;iso&quot;:&quot;0&quot;,&quot;shutter_speed&quot;:&quot;0&quot;,&quot;title&quot;:&quot;&quot;,&quot;orientation&quot;:&quot;0&quot;}\" data-image-title=\"Capture d\u2019e\u0301cran, le 2025-12-02 a\u0300 09.58.32\" data-image-description=\"\" data-image-caption=\"\" data-large-file=\"https:\/\/i0.wp.com\/itayachtscanada.com\/wp-content\/uploads\/2025\/12\/Capture-decran-le-2025-12-02-a-09.58.32.jpg?fit=700%2C470&amp;ssl=1\" \/><\/a>\n\t\t\t<\/div><\/figure><figure class='gallery-item'>\n\t\t\t<div class='gallery-icon landscape'>\n\t\t\t\t<a href='https:\/\/itayachtscanada.com\/fr\/listing\/sunseeker-76-yacht-2020-3295000-usd-for-sale\/capture-decran-le-2025-12-02-a-09-58-28\/'><img loading=\"lazy\" decoding=\"async\" width=\"300\" height=\"201\" src=\"https:\/\/i0.wp.com\/itayachtscanada.com\/wp-content\/uploads\/2025\/12\/Capture-decran-le-2025-12-02-a-09.58.28.jpg?fit=300%2C201&amp;ssl=1\" class=\"attachment-medium size-medium\" alt=\"\" srcset=\"https:\/\/i0.wp.com\/itayachtscanada.com\/wp-content\/uploads\/2025\/12\/Capture-decran-le-2025-12-02-a-09.58.28.jpg?w=1160&amp;ssl=1 1160w, https:\/\/i0.wp.com\/itayachtscanada.com\/wp-content\/uploads\/2025\/12\/Capture-decran-le-2025-12-02-a-09.58.28.jpg?resize=300%2C201&amp;ssl=1 300w, https:\/\/i0.wp.com\/itayachtscanada.com\/wp-content\/uploads\/2025\/12\/Capture-decran-le-2025-12-02-a-09.58.28.jpg?resize=1024%2C687&amp;ssl=1 1024w, https:\/\/i0.wp.com\/itayachtscanada.com\/wp-content\/uploads\/2025\/12\/Capture-decran-le-2025-12-02-a-09.58.28.jpg?resize=768%2C515&amp;ssl=1 768w, https:\/\/i0.wp.com\/itayachtscanada.com\/wp-content\/uploads\/2025\/12\/Capture-decran-le-2025-12-02-a-09.58.28.jpg?resize=700%2C469&amp;ssl=1 700w, https:\/\/i0.wp.com\/itayachtscanada.com\/wp-content\/uploads\/2025\/12\/Capture-decran-le-2025-12-02-a-09.58.28.jpg?resize=900%2C600&amp;ssl=1 900w, https:\/\/i0.wp.com\/itayachtscanada.com\/wp-content\/uploads\/2025\/12\/Capture-decran-le-2025-12-02-a-09.58.28.jpg?resize=596%2C400&amp;ssl=1 596w\" sizes=\"auto, (max-width: 300px) 100vw, 300px\" data-attachment-id=\"294159\" data-permalink=\"https:\/\/itayachtscanada.com\/fr\/listing\/sunseeker-76-yacht-2020-3295000-usd-for-sale\/capture-decran-le-2025-12-02-a-09-58-28\/\" data-orig-file=\"https:\/\/i0.wp.com\/itayachtscanada.com\/wp-content\/uploads\/2025\/12\/Capture-decran-le-2025-12-02-a-09.58.28.jpg?fit=1160%2C778&amp;ssl=1\" data-orig-size=\"1160,778\" data-comments-opened=\"1\" data-image-meta=\"{&quot;aperture&quot;:&quot;0&quot;,&quot;credit&quot;:&quot;&quot;,&quot;camera&quot;:&quot;&quot;,&quot;caption&quot;:&quot;&quot;,&quot;created_timestamp&quot;:&quot;0&quot;,&quot;copyright&quot;:&quot;&quot;,&quot;focal_length&quot;:&quot;0&quot;,&quot;iso&quot;:&quot;0&quot;,&quot;shutter_speed&quot;:&quot;0&quot;,&quot;title&quot;:&quot;&quot;,&quot;orientation&quot;:&quot;0&quot;}\" data-image-title=\"Capture d\u2019e\u0301cran, le 2025-12-02 a\u0300 09.58.28\" data-image-description=\"\" data-image-caption=\"\" data-large-file=\"https:\/\/i0.wp.com\/itayachtscanada.com\/wp-content\/uploads\/2025\/12\/Capture-decran-le-2025-12-02-a-09.58.28.jpg?fit=700%2C470&amp;ssl=1\" \/><\/a>\n\t\t\t<\/div><\/figure><figure class='gallery-item'>\n\t\t\t<div class='gallery-icon landscape'>\n\t\t\t\t<a href='https:\/\/itayachtscanada.com\/fr\/listing\/sunseeker-76-yacht-2020-3295000-usd-for-sale\/capture-decran-le-2025-12-02-a-09-58-18\/'><img loading=\"lazy\" decoding=\"async\" width=\"300\" height=\"201\" src=\"https:\/\/i0.wp.com\/itayachtscanada.com\/wp-content\/uploads\/2025\/12\/Capture-decran-le-2025-12-02-a-09.58.18.jpg?fit=300%2C201&amp;ssl=1\" class=\"attachment-medium size-medium\" alt=\"\" srcset=\"https:\/\/i0.wp.com\/itayachtscanada.com\/wp-content\/uploads\/2025\/12\/Capture-decran-le-2025-12-02-a-09.58.18.jpg?w=1160&amp;ssl=1 1160w, https:\/\/i0.wp.com\/itayachtscanada.com\/wp-content\/uploads\/2025\/12\/Capture-decran-le-2025-12-02-a-09.58.18.jpg?resize=300%2C201&amp;ssl=1 300w, https:\/\/i0.wp.com\/itayachtscanada.com\/wp-content\/uploads\/2025\/12\/Capture-decran-le-2025-12-02-a-09.58.18.jpg?resize=1024%2C687&amp;ssl=1 1024w, https:\/\/i0.wp.com\/itayachtscanada.com\/wp-content\/uploads\/2025\/12\/Capture-decran-le-2025-12-02-a-09.58.18.jpg?resize=768%2C515&amp;ssl=1 768w, https:\/\/i0.wp.com\/itayachtscanada.com\/wp-content\/uploads\/2025\/12\/Capture-decran-le-2025-12-02-a-09.58.18.jpg?resize=700%2C469&amp;ssl=1 700w, https:\/\/i0.wp.com\/itayachtscanada.com\/wp-content\/uploads\/2025\/12\/Capture-decran-le-2025-12-02-a-09.58.18.jpg?resize=900%2C600&amp;ssl=1 900w, https:\/\/i0.wp.com\/itayachtscanada.com\/wp-content\/uploads\/2025\/12\/Capture-decran-le-2025-12-02-a-09.58.18.jpg?resize=596%2C400&amp;ssl=1 596w\" sizes=\"auto, (max-width: 300px) 100vw, 300px\" data-attachment-id=\"294160\" data-permalink=\"https:\/\/itayachtscanada.com\/fr\/listing\/sunseeker-76-yacht-2020-3295000-usd-for-sale\/capture-decran-le-2025-12-02-a-09-58-18\/\" data-orig-file=\"https:\/\/i0.wp.com\/itayachtscanada.com\/wp-content\/uploads\/2025\/12\/Capture-decran-le-2025-12-02-a-09.58.18.jpg?fit=1160%2C778&amp;ssl=1\" data-orig-size=\"1160,778\" data-comments-opened=\"1\" data-image-meta=\"{&quot;aperture&quot;:&quot;0&quot;,&quot;credit&quot;:&quot;&quot;,&quot;camera&quot;:&quot;&quot;,&quot;caption&quot;:&quot;&quot;,&quot;created_timestamp&quot;:&quot;0&quot;,&quot;copyright&quot;:&quot;&quot;,&quot;focal_length&quot;:&quot;0&quot;,&quot;iso&quot;:&quot;0&quot;,&quot;shutter_speed&quot;:&quot;0&quot;,&quot;title&quot;:&quot;&quot;,&quot;orientation&quot;:&quot;0&quot;}\" data-image-title=\"Capture d\u2019e\u0301cran, le 2025-12-02 a\u0300 09.58.18\" data-image-description=\"\" data-image-caption=\"\" data-large-file=\"https:\/\/i0.wp.com\/itayachtscanada.com\/wp-content\/uploads\/2025\/12\/Capture-decran-le-2025-12-02-a-09.58.18.jpg?fit=700%2C470&amp;ssl=1\" \/><\/a>\n\t\t\t<\/div><\/figure><figure class='gallery-item'>\n\t\t\t<div class='gallery-icon portrait'>\n\t\t\t\t<a href='https:\/\/itayachtscanada.com\/fr\/listing\/sunseeker-76-yacht-2020-3295000-usd-for-sale\/capture-decran-le-2025-12-02-a-09-58-07\/'><img loading=\"lazy\" decoding=\"async\" width=\"198\" height=\"300\" src=\"https:\/\/i0.wp.com\/itayachtscanada.com\/wp-content\/uploads\/2025\/12\/Capture-decran-le-2025-12-02-a-09.58.07.jpg?fit=198%2C300&amp;ssl=1\" class=\"attachment-medium size-medium\" alt=\"\" srcset=\"https:\/\/i0.wp.com\/itayachtscanada.com\/wp-content\/uploads\/2025\/12\/Capture-decran-le-2025-12-02-a-09.58.07.jpg?w=466&amp;ssl=1 466w, https:\/\/i0.wp.com\/itayachtscanada.com\/wp-content\/uploads\/2025\/12\/Capture-decran-le-2025-12-02-a-09.58.07.jpg?resize=198%2C300&amp;ssl=1 198w, https:\/\/i0.wp.com\/itayachtscanada.com\/wp-content\/uploads\/2025\/12\/Capture-decran-le-2025-12-02-a-09.58.07.jpg?resize=264%2C400&amp;ssl=1 264w\" sizes=\"auto, (max-width: 198px) 100vw, 198px\" data-attachment-id=\"294161\" data-permalink=\"https:\/\/itayachtscanada.com\/fr\/listing\/sunseeker-76-yacht-2020-3295000-usd-for-sale\/capture-decran-le-2025-12-02-a-09-58-07\/\" data-orig-file=\"https:\/\/i0.wp.com\/itayachtscanada.com\/wp-content\/uploads\/2025\/12\/Capture-decran-le-2025-12-02-a-09.58.07.jpg?fit=466%2C706&amp;ssl=1\" data-orig-size=\"466,706\" data-comments-opened=\"1\" data-image-meta=\"{&quot;aperture&quot;:&quot;0&quot;,&quot;credit&quot;:&quot;&quot;,&quot;camera&quot;:&quot;&quot;,&quot;caption&quot;:&quot;&quot;,&quot;created_timestamp&quot;:&quot;0&quot;,&quot;copyright&quot;:&quot;&quot;,&quot;focal_length&quot;:&quot;0&quot;,&quot;iso&quot;:&quot;0&quot;,&quot;shutter_speed&quot;:&quot;0&quot;,&quot;title&quot;:&quot;&quot;,&quot;orientation&quot;:&quot;0&quot;}\" data-image-title=\"Capture d\u2019e\u0301cran, le 2025-12-02 a\u0300 09.58.07\" data-image-description=\"\" data-image-caption=\"\" data-large-file=\"https:\/\/i0.wp.com\/itayachtscanada.com\/wp-content\/uploads\/2025\/12\/Capture-decran-le-2025-12-02-a-09.58.07.jpg?fit=466%2C706&amp;ssl=1\" \/><\/a>\n\t\t\t<\/div><\/figure><figure class='gallery-item'>\n\t\t\t<div class='gallery-icon landscape'>\n\t\t\t\t<a href='https:\/\/itayachtscanada.com\/fr\/listing\/sunseeker-76-yacht-2020-3295000-usd-for-sale\/capture-decran-le-2025-12-02-a-09-58-04\/'><img loading=\"lazy\" decoding=\"async\" width=\"300\" height=\"200\" src=\"https:\/\/i0.wp.com\/itayachtscanada.com\/wp-content\/uploads\/2025\/12\/Capture-decran-le-2025-12-02-a-09.58.04.jpg?fit=300%2C200&amp;ssl=1\" class=\"attachment-medium size-medium\" alt=\"\" srcset=\"https:\/\/i0.wp.com\/itayachtscanada.com\/wp-content\/uploads\/2025\/12\/Capture-decran-le-2025-12-02-a-09.58.04.jpg?w=1058&amp;ssl=1 1058w, https:\/\/i0.wp.com\/itayachtscanada.com\/wp-content\/uploads\/2025\/12\/Capture-decran-le-2025-12-02-a-09.58.04.jpg?resize=300%2C200&amp;ssl=1 300w, https:\/\/i0.wp.com\/itayachtscanada.com\/wp-content\/uploads\/2025\/12\/Capture-decran-le-2025-12-02-a-09.58.04.jpg?resize=1024%2C683&amp;ssl=1 1024w, https:\/\/i0.wp.com\/itayachtscanada.com\/wp-content\/uploads\/2025\/12\/Capture-decran-le-2025-12-02-a-09.58.04.jpg?resize=768%2C512&amp;ssl=1 768w, https:\/\/i0.wp.com\/itayachtscanada.com\/wp-content\/uploads\/2025\/12\/Capture-decran-le-2025-12-02-a-09.58.04.jpg?resize=700%2C467&amp;ssl=1 700w, https:\/\/i0.wp.com\/itayachtscanada.com\/wp-content\/uploads\/2025\/12\/Capture-decran-le-2025-12-02-a-09.58.04.jpg?resize=900%2C600&amp;ssl=1 900w, https:\/\/i0.wp.com\/itayachtscanada.com\/wp-content\/uploads\/2025\/12\/Capture-decran-le-2025-12-02-a-09.58.04.jpg?resize=599%2C400&amp;ssl=1 599w\" sizes=\"auto, (max-width: 300px) 100vw, 300px\" data-attachment-id=\"294162\" data-permalink=\"https:\/\/itayachtscanada.com\/fr\/listing\/sunseeker-76-yacht-2020-3295000-usd-for-sale\/capture-decran-le-2025-12-02-a-09-58-04\/\" data-orig-file=\"https:\/\/i0.wp.com\/itayachtscanada.com\/wp-content\/uploads\/2025\/12\/Capture-decran-le-2025-12-02-a-09.58.04.jpg?fit=1058%2C706&amp;ssl=1\" data-orig-size=\"1058,706\" data-comments-opened=\"1\" data-image-meta=\"{&quot;aperture&quot;:&quot;0&quot;,&quot;credit&quot;:&quot;&quot;,&quot;camera&quot;:&quot;&quot;,&quot;caption&quot;:&quot;&quot;,&quot;created_timestamp&quot;:&quot;0&quot;,&quot;copyright&quot;:&quot;&quot;,&quot;focal_length&quot;:&quot;0&quot;,&quot;iso&quot;:&quot;0&quot;,&quot;shutter_speed&quot;:&quot;0&quot;,&quot;title&quot;:&quot;&quot;,&quot;orientation&quot;:&quot;0&quot;}\" data-image-title=\"Capture d\u2019e\u0301cran, le 2025-12-02 a\u0300 09.58.04\" data-image-description=\"\" data-image-caption=\"\" data-large-file=\"https:\/\/i0.wp.com\/itayachtscanada.com\/wp-content\/uploads\/2025\/12\/Capture-decran-le-2025-12-02-a-09.58.04.jpg?fit=700%2C467&amp;ssl=1\" \/><\/a>\n\t\t\t<\/div><\/figure><figure class='gallery-item'>\n\t\t\t<div class='gallery-icon landscape'>\n\t\t\t\t<a href='https:\/\/itayachtscanada.com\/fr\/listing\/sunseeker-76-yacht-2020-3295000-usd-for-sale\/capture-decran-le-2025-12-02-a-09-57-52\/'><img loading=\"lazy\" decoding=\"async\" width=\"300\" height=\"200\" src=\"https:\/\/i0.wp.com\/itayachtscanada.com\/wp-content\/uploads\/2025\/12\/Capture-decran-le-2025-12-02-a-09.57.52.jpg?fit=300%2C200&amp;ssl=1\" class=\"attachment-medium size-medium\" alt=\"\" srcset=\"https:\/\/i0.wp.com\/itayachtscanada.com\/wp-content\/uploads\/2025\/12\/Capture-decran-le-2025-12-02-a-09.57.52.jpg?w=1058&amp;ssl=1 1058w, https:\/\/i0.wp.com\/itayachtscanada.com\/wp-content\/uploads\/2025\/12\/Capture-decran-le-2025-12-02-a-09.57.52.jpg?resize=300%2C200&amp;ssl=1 300w, https:\/\/i0.wp.com\/itayachtscanada.com\/wp-content\/uploads\/2025\/12\/Capture-decran-le-2025-12-02-a-09.57.52.jpg?resize=1024%2C683&amp;ssl=1 1024w, https:\/\/i0.wp.com\/itayachtscanada.com\/wp-content\/uploads\/2025\/12\/Capture-decran-le-2025-12-02-a-09.57.52.jpg?resize=768%2C512&amp;ssl=1 768w, https:\/\/i0.wp.com\/itayachtscanada.com\/wp-content\/uploads\/2025\/12\/Capture-decran-le-2025-12-02-a-09.57.52.jpg?resize=700%2C467&amp;ssl=1 700w, https:\/\/i0.wp.com\/itayachtscanada.com\/wp-content\/uploads\/2025\/12\/Capture-decran-le-2025-12-02-a-09.57.52.jpg?resize=900%2C600&amp;ssl=1 900w, https:\/\/i0.wp.com\/itayachtscanada.com\/wp-content\/uploads\/2025\/12\/Capture-decran-le-2025-12-02-a-09.57.52.jpg?resize=599%2C400&amp;ssl=1 599w\" sizes=\"auto, (max-width: 300px) 100vw, 300px\" data-attachment-id=\"294163\" data-permalink=\"https:\/\/itayachtscanada.com\/fr\/listing\/sunseeker-76-yacht-2020-3295000-usd-for-sale\/capture-decran-le-2025-12-02-a-09-57-52\/\" data-orig-file=\"https:\/\/i0.wp.com\/itayachtscanada.com\/wp-content\/uploads\/2025\/12\/Capture-decran-le-2025-12-02-a-09.57.52.jpg?fit=1058%2C706&amp;ssl=1\" data-orig-size=\"1058,706\" data-comments-opened=\"1\" data-image-meta=\"{&quot;aperture&quot;:&quot;0&quot;,&quot;credit&quot;:&quot;&quot;,&quot;camera&quot;:&quot;&quot;,&quot;caption&quot;:&quot;&quot;,&quot;created_timestamp&quot;:&quot;0&quot;,&quot;copyright&quot;:&quot;&quot;,&quot;focal_length&quot;:&quot;0&quot;,&quot;iso&quot;:&quot;0&quot;,&quot;shutter_speed&quot;:&quot;0&quot;,&quot;title&quot;:&quot;&quot;,&quot;orientation&quot;:&quot;0&quot;}\" data-image-title=\"Capture d\u2019e\u0301cran, le 2025-12-02 a\u0300 09.57.52\" data-image-description=\"\" data-image-caption=\"\" data-large-file=\"https:\/\/i0.wp.com\/itayachtscanada.com\/wp-content\/uploads\/2025\/12\/Capture-decran-le-2025-12-02-a-09.57.52.jpg?fit=700%2C467&amp;ssl=1\" \/><\/a>\n\t\t\t<\/div><\/figure>\n\t\t<\/div>\n\n<\/div>\n<\/div>\n<\/div>\n<\/div>\n<\/div>\n<div class=\"jetpack-video-wrapper\"><span class=\"embed-youtube\" style=\"text-align:center; display: block;\"><iframe loading=\"lazy\" class=\"youtube-player\" width=\"700\" height=\"394\" src=\"https:\/\/www.youtube.com\/embed\/Bhyyy9TmmQQ?version=3&#038;rel=1&#038;showsearch=0&#038;showinfo=1&#038;iv_load_policy=1&#038;fs=1&#038;hl=fr-FR&#038;autohide=2&#038;wmode=transparent\" allowfullscreen=\"true\" style=\"border:0;\" sandbox=\"allow-scripts allow-same-origin allow-popups allow-presentation allow-popups-to-escape-sandbox\"><\/iframe><\/span><\/div>\n<div class=\"jetpack-video-wrapper\"><span class=\"embed-youtube\" style=\"text-align:center; display: block;\"><iframe loading=\"lazy\" class=\"youtube-player\" width=\"700\" height=\"394\" src=\"https:\/\/www.youtube.com\/embed\/o2_AEaIsyVQ?version=3&#038;rel=1&#038;showsearch=0&#038;showinfo=1&#038;iv_load_policy=1&#038;fs=1&#038;hl=fr-FR&#038;autohide=2&#038;wmode=transparent\" allowfullscreen=\"true\" style=\"border:0;\" sandbox=\"allow-scripts allow-same-origin allow-popups allow-presentation allow-popups-to-escape-sandbox\"><\/iframe><\/span><\/div>\n<div class=\"jetpack-video-wrapper\"><span class=\"embed-youtube\" style=\"text-align:center; display: block;\"><iframe loading=\"lazy\" class=\"youtube-player\" width=\"700\" height=\"394\" src=\"https:\/\/www.youtube.com\/embed\/Kpq_bpi7Fio?version=3&#038;rel=1&#038;showsearch=0&#038;showinfo=1&#038;iv_load_policy=1&#038;fs=1&#038;hl=fr-FR&#038;autohide=2&#038;wmode=transparent\" allowfullscreen=\"true\" style=\"border:0;\" sandbox=\"allow-scripts allow-same-origin allow-popups allow-presentation allow-popups-to-escape-sandbox\"><\/iframe><\/span><\/div>\n<\/div>\n<\/div>\n<\/div>\n<div>\n<div class=\"content-header\">\n<div><\/div>\n<div><\/div>\n<div>\n<p><strong>Ita Yachts Canada propose de vous assister et de voir \u00e0 vos int\u00e9r\u00eats pour l\u2019achat de ce yacht qui est \u00e0 vendre par une autre organisation. Nous serons pr\u00e9sents lors de l\u2019inspection et tout au long de la transaction et ce peu importe sa localisation. L\u2019\u00e9quipe d\u2019Ita Yachts Canada se soumet au plus haut standard d\u2019\u00e9thique.<\/strong><\/p>\n<p>&nbsp;<\/p>\n<\/div>\n<div>\n<p>Description principale<\/p>\n<p>Le \u00ab Chinonino \u00bb dispose depuis sa mise en service d&rsquo;un \u00e9quipage professionnel \u00e0 temps plein et d&rsquo;un propri\u00e9taire exp\u00e9riment\u00e9 qui veille \u00e0 ce que son yacht soit toujours en parfait \u00e9tat.<br \/>\n4 cabines \/ 4 salles de bain pour les invit\u00e9s et jusqu&rsquo;\u00e0 3 membres d&rsquo;\u00e9quipage.<br \/>\nMoins de 1 100 heures sur les moteurs MAN 1550 X 2.<br \/>\nStabilisateur hydraulique Sleipner avec ailettes vectorielles.<br \/>\nPropulseurs hydrauliques Sleipner \u00e0 l&rsquo;avant et \u00e0 l&rsquo;arri\u00e8re.<br \/>\nToit ouvrant panoramique coulissant sur le flybridge permettant la lumi\u00e8re et la ventilation du pont principal.<br \/>\nPlateforme de baignade hydraulique (capacit\u00e9 de levage de 550 kg \/ 1212 lb) avec nouvelle annexe Walker Bay 14&prime; 2025.<br \/>\nVoir la description suppl\u00e9mentaire avec toutes les mises \u00e0 jour et les services effectu\u00e9s en 2025.<br \/>\nLe \u00ab Chinonino \u00bb est actuellement amarr\u00e9 \u00e0 San Juan, Porto Rico. Le propri\u00e9taire envisagera d&rsquo;envoyer le yacht en Floride du Sud (Miami \/ FLL) pour satisfaire un acheteur s\u00e9rieux qui pr\u00e9sentera un contrat d&rsquo;achat acceptable et un d\u00e9p\u00f4t complet en garantie. Sinon, le vendeur invite toutes les parties int\u00e9ress\u00e9es \u00e0 visiter ou \u00e0 d\u00e9couvrir ce yacht spectaculaire dans la belle ville anim\u00e9e et int\u00e9ressante de<br \/>\nSan Juan, Porto Rico !<br \/>\nPorto Rico est un territoire am\u00e9ricain et il existe des vols directs r\u00e9guliers et peu co\u00fbteux<br \/>\nau d\u00e9part de MIA ou FLL tous les jours<\/p>\n<p>Caract\u00e9ristiques principales<\/p>\n<p>\u2022Coque en PRV avec fibre de verre pos\u00e9e \u00e0 la main<br \/>\n\u2022Accessoires en acier inoxydable et ponts en teck<br \/>\n\u2022Flybridge avec double barre, bar et grill<br \/>\n\u2022 Salon spacieux avec t\u00e9l\u00e9vision 55 pouces et salle \u00e0 manger pour huit personnes<br \/>\n\u2022 Cuisine enti\u00e8rement \u00e9quip\u00e9e avec appareils Miele et plans de travail en granit<\/p>\n<p>Forfaits Premium<\/p>\n<p>Pack Platine<br \/>\nComprend des stabilisateurs Sleipner, un toit rigide avec auvent r\u00e9tractable, deux g\u00e9n\u00e9rateurs, des propulseurs am\u00e9lior\u00e9s, un \u00e9clairage LED,<br \/>\ndes ponts en teck, un refroidisseur \u00e0 vin, et plus encore.<br \/>\nPack Beach Club<br \/>\nComprend des si\u00e8ges rabattables, un barbecue marin et une douche de t\u00eate.<\/p>\n<p>Performances et divertissement<\/p>\n<p>\u2022 Suite de navigation Simrad compl\u00e8te (double poste)<br \/>\n\u2022 Syst\u00e8me audio multizone Sonos avec haut-parleurs B&amp;W<br \/>\n\u2022 T\u00e9l\u00e9viseurs Samsung dans toutes les cabines<br \/>\n\u2022 Syst\u00e8me de connectivit\u00e9 Wi-Fi\/4G avec double SIM<\/p>\n<\/div>\n<\/div>\n<\/div>\n<div>\n<div class=\"content-header\"><\/div>\n<div class=\"html-content-description\">\n<div>\n<p>Options<\/p>\n<p>\u2022 Plateforme de baignade hydraulique (capacit\u00e9 de levage de 550 kg)<br \/>\n\u2022 Dessalinisateur (180 L\/h)<br \/>\n\u2022 \u00c9clairage LED sous-marin (x8)<br \/>\n\u2022 Climatisation tropicalis\u00e9e<br \/>\n\u2022 Syst\u00e8me d&rsquo;amarrage par joystick<br \/>\n\u2022 Ponts lat\u00e9raux et avant en teck<br \/>\n\u2022 Passerelle t\u00e9lescopique hydraulique (5 m ou 16&rsquo;5&Prime;)<br \/>\n\u2022 Plateforme \u00e9l\u00e9vatrice hydraulique avec une capacit\u00e9 de levage maximale de 550 kg ou 1212 lb<br \/>\n\u2022 Stabilisateur de coque hydraulique Sleipner SPS66B avec Vector Fin VF1050 &#8211; ailerons de 1,05 m\u00e8tre<br \/>\naliment\u00e9 par une pompe hydraulique sur les deux bo\u00eetes de vitesses pendant la navigation et au mouillage par un moteur \u00e0 courant alternatif de 7,5 kW aliment\u00e9 par le g\u00e9n\u00e9rateur<br \/>\n\u2022 Propulseur d&rsquo;\u00e9trave hydraulique Sleipner SP300HYD\/U-16 23,3 ch<br \/>\n\u2022Syst\u00e8me de propulseur arri\u00e8re hydraulique Sleipner Sh240\/250TC-U11 20 ch<br \/>\npropulseurs avant et arri\u00e8re avec commandes proportionnelles doubles simultan\u00e9es<br \/>\n\u2022\u00c9clairage sous-marin BLANC &#8211; Lumishore TIX202 LED X 8 &#8211; 4 \u00e0 l&rsquo;arri\u00e8re et 2 de chaque c\u00f4t\u00e9 \u00e0 l&rsquo;arri\u00e8re<br \/>\n\u2022Climatisation \u00e0 eau r\u00e9frig\u00e9r\u00e9e conforme aux sp\u00e9cifications tropicales avec 2 refroidisseurs modulaires VARC144<br \/>\n\u2022 Flybridge Hardtop avec auvent central r\u00e9tractable \u00e9lectrique et auvent arri\u00e8re \u00e9lectrique<br \/>\n\u2022 Toit ouvrant panoramique coulissant sur le flybridge permettant la lumi\u00e8re et la ventilation du salon<br \/>\n\u2022 Option beach club sur le tableau arri\u00e8re &#8211; si\u00e8ge\/grill\/douche de t\u00eate<br \/>\n\u2022Alimentation et r\u00e9cup\u00e9ration Gendinning Cablemaster pour le c\u00e2ble d&rsquo;alimentation \u00e0 quai 120\/240 V 60 Hz 100 A CA et deuxi\u00e8me prise d&rsquo;alimentation \u00e0 quai 120\/240 V 60 Hz 50 A CA<br \/>\n\u2022Douche de t\u00eate sur la plate-forme install\u00e9e sur la porte papillon<br \/>\n\u2022Grill \u00e9lectrique Marine Can PB1328 install\u00e9 dans le plan de travail escamotable<\/p>\n<p>Am\u00e9nagement int\u00e9rieur<\/p>\n<p>\u2022Suite principale avec fen\u00eatres panoramiques et salle de bain attenante<br \/>\n\u2022Cabine VIP \u00e0 l&rsquo;avant avec salle de bain attenante<br \/>\n\u2022Deux cabines invit\u00e9s avec salle de bain attenante<br \/>\n\u2022Cabine \u00e9quipage avec acc\u00e8s et installations ind\u00e9pendants<br \/>\n\u2022Coque en PRV avec fibre de verre pos\u00e9e \u00e0 la main<br \/>\n\u2022\u00c9quipements en acier inoxydable et ponts en teck<br \/>\n\u2022Flybridge avec double poste de pilotage, bar et grill<br \/>\n\u2022Salon spacieux avec t\u00e9l\u00e9vision 55 pouces et salle \u00e0 manger pour huit personnes<br \/>\n\u2022Cuisine enti\u00e8rement \u00e9quip\u00e9e avec appareils Miele et plans de travail en granit<\/p>\n<p>Moulures ext\u00e9rieures et options<\/p>\n<p>La coque, le pont, la bande de coque, la plate-forme, les prises d&rsquo;air du moteur et le toit rigide du flybridge sont tous moul\u00e9s en BLANC.<br \/>\nLa ligne sup\u00e9rieure de la bande de protection est NOIR JAIS.<\/p>\n<p>Pont avant<\/p>\n<p>\u2022Couvercle de pare-brise en maille noire<br \/>\n\u2022Parasol Norton Marine Monte Carlo 3 m avec m\u00e2t d\u00e9cal\u00e9 sur le pont avant. Couleur de la toile : BLANC<br \/>\n\u2022Ancre Lewmar 50 kg Delta SS et 90 m\u00e8tres de cha\u00eene d&rsquo;ancrage SS 12 mm<br \/>\n\u2022Coussins de bain de soleil \u00e0 l&rsquo;avant<br \/>\n\u2022Sortie d&rsquo;eau douce pour le lavage du pont<br \/>\n\u2022Table de pont avant en teck avec plateau fixe mont\u00e9 sur un pied en SS poli<br \/>\n\u2022Ponts lat\u00e9raux et avant en teck, y compris le pont d&rsquo;ancrage et le pont avec groupe de si\u00e8ges<br \/>\n\u20222 Sonance VPXT6R extreme et Sonos connect et ampli avec unit\u00e9 de streaming sans fil<br \/>\n\u20222 r\u00e9frig\u00e9rateurs \u00e0 tiroirs Webasto Isotherm cruise 36 24V d&rsquo;une capacit\u00e9 de 36 litres avec fa\u00e7ades en acier inoxydable<br \/>\n\u2022Treuil &#8211; Treuil d&rsquo;ancre Lewmar V6GD &#8211; 24V<br \/>\n\u2022\u00c9clairage LED de pont bas pour le coin salon en BLANC<br \/>\n\u2022\u00c9clairage LED de pont lat\u00e9ral bas, 10 par c\u00f4t\u00e9, en BLANC<\/p>\n<p>Cockpit<\/p>\n<p>\u2022Cockpit inf\u00e9rieur avec pont en teck<br \/>\n\u2022Table de cockpit arri\u00e8re en teck avec plateau rabattable mont\u00e9e sur un pied en acier inoxydable poli<br \/>\n\u20224 haut-parleurs Sonance VPXT6R avec connexion Sonos et amplificateur avec streaming sans fil<br \/>\n\u2022R\u00e9frig\u00e9rateur Waeco Coolmatic 80 litres CR &#8211; 0080E<br \/>\n\u2022Machine \u00e0 gla\u00e7ons Vitrifrigo en acier inoxydable avec purificateur d&rsquo;eau<br \/>\n\u2022Troisi\u00e8me poste de commande du moteur situ\u00e9 dans le cockpit arri\u00e8re (avec manettes des gaz)<br \/>\n\u2022Treuils d&rsquo;amarrage arri\u00e8re 0 Lewmar C3 install\u00e9s \u00e0 b\u00e2bord et \u00e0 tribord<br \/>\n\u2022Gonfleur de canot pneumatique et prise 12 volts<br \/>\n\u2022 \u00c9clairage LED de pont \u00e0 faible intensit\u00e9 pour le cockpit arri\u00e8re et les marches menant \u00e0 la plate-forme, de couleur BLANCHE<br \/>\n\u2022 Variateurs d&rsquo;intensit\u00e9 lumineuse pour l&rsquo;\u00e9clairage int\u00e9rieur et ext\u00e9rieur<\/p>\n<p>Chinonino Projets d&rsquo;entretien r\u00e9cents:<\/p>\n<p>&nbsp;<\/p>\n<p>Cadre du pare-brise en gelcoat refait \u00e0 neuf<br \/>\nTeck de proue remplac\u00e9<br \/>\nNouvelles toiles ext\u00e9rieures avec nouvelles housses imperm\u00e9ables<br \/>\nCanap\u00e9 du salon principal retapiss\u00e9<br \/>\nCanap\u00e9 de la cabine principale retapiss\u00e9<br \/>\nToutes les garnitures int\u00e9rieures du salon principal ont \u00e9t\u00e9 remplac\u00e9es<br \/>\nSyst\u00e8me Wi-Fi mis \u00e0 niveau vers Ubquity<br \/>\nInstallation du syst\u00e8me marin Starlink<br \/>\nRemplacement des t\u00e9l\u00e9viseurs de la cabine VIP et de la cabine tribord<br \/>\nInstallation d&rsquo;un four dans la cuisine<br \/>\nInstallation d&rsquo;une nouvelle plaque de cuisson dans la cuisine<br \/>\nL&rsquo;ext\u00e9rieur du yacht a \u00e9t\u00e9 cir\u00e9 et poli tous les six mois<br \/>\nAntifouling et prop speed neufs en novembre 2025<br \/>\nEntretien des moteurs Man 1000 heures effectu\u00e9 avec nettoyage de l&rsquo;\u00e9changeur de chaleur du liquide de refroidissement<br \/>\neffectu\u00e9<br \/>\nJoint d&rsquo;huile c\u00f4t\u00e9 tribord remplac\u00e9<br \/>\nTurbos et liquide de refroidissement c\u00f4t\u00e9 b\u00e2bord remplac\u00e9s octobre 2025<\/p>\n<p>Nettoyage complet des g\u00e9n\u00e9rateurs et des \u00e9changeurs thermiques et entretien complet termin\u00e9.<br \/>\nSyst\u00e8mes de stabilisation lat\u00e9rale enti\u00e8rement r\u00e9vis\u00e9s avec nouveaux v\u00e9rins hydrauliques et<br \/>\ncomposants ; ailerons r\u00e9vis\u00e9s lors d&rsquo;un r\u00e9cent s\u00e9jour au chantier naval de Fort Lauderdale en juillet 2025.<br \/>\nNouveaux tuyaux hydrauliques sur la plateforme de baignade en juillet 2025.<br \/>\nAnnexe &#8211; Nouveau Walker Bay Venture 14&prime; avec Yamaha 70 ch.<br \/>\nPon\u00e7age et restauration compl\u00e8te du teck termin\u00e9s en juillet 2025.<br \/>\nRemplacement de la toile du toit ouvrant du flybridge en novembre-d\u00e9cembre 2025.<br \/>\nEntretien complet du syst\u00e8me de climatisation en ao\u00fbt 2025.<br \/>\nEntretien du r\u00e9servoir d&rsquo;eau chaude en ao\u00fbt 2025.<\/p>\n<p>&nbsp;<\/p>\n<p>Unit\u00e9 suppl\u00e9mentaire &#8211; Annexe<\/p>\n<p>2025 Walker Bay Venture 14<br \/>\nD&rsquo;une valeur de 25 000,00 $.<\/p>\n<\/div>\n<\/div>\n<\/div>\n<div>\n<div class=\"html-content-description\">\n<div>\n<p><strong>\u00a0<\/strong><\/p>\n<p><strong><span style=\"color: black;\">AVIS DE NON-RESPONSABILIT\u00c9<\/span><\/strong><\/p>\n<p><strong><span style=\"color: black; font-weight: normal;\">Le bateau qui est pr\u00e9sent\u00e9 sur cette page, l\u2019est uniquement \u00e0 titre d\u2019information et n\u2019est pas n\u00e9cessairement toujours disponible \u00e0 la vente et\/ou \u00e0 la location.<\/span><\/strong><span class=\"apple-converted-space\"><b><span style=\"color: black;\">\u00a0<\/span><\/b><\/span><strong><span style=\"color: black; font-weight: normal;\">Ce bateau est peut-\u00eatre offert sous r\u00e9serve, il faut v\u00e9rifier sa disponibilit\u00e9.<\/span><\/strong><span class=\"apple-converted-space\"><b><span style=\"color: black;\">\u00a0<\/span><\/b><\/span><strong><span style=\"color: black; font-weight: normal;\">\u00a0Ce document ou cette annonce n\u2019est pas contractuel. Les informations sur les bateaux affich\u00e9es dans les r\u00e9sultats ci-dessus sont pr\u00e9sent\u00e9es en toute bonne foi et, bien qu\u2019elles soient consid\u00e9r\u00e9es comme correctes, elles ne sont pas garanties. Ita Yachts Canada ne garantit pas et n\u2019assume aucune responsabilit\u00e9 l\u00e9gale ou responsabilit\u00e9 pour l\u2019exactitude, l\u2019exhaustivit\u00e9 ou l\u2019utilit\u00e9 des informations et\/ou des images affich\u00e9es, car elles peuvent ne pas \u00eatre \u00e0 jour ou encore \u00eatres des images d\u2019un bateau comparable. Toutes les informations sur les bateaux peuvent \u00eatre modifi\u00e9es sans pr\u00e9avis et sont sans garantie.<\/span><\/strong><span class=\"apple-converted-space\"><b><span style=\"color: black;\">\u00a0<\/span><\/b><\/span><strong><span style=\"color: black; font-weight: normal;\">Ce bateau est peut-\u00eatre offert par un autre courtier ouvert au co-courtage (co-brokerage).<\/span><\/strong><\/p>\n<p>&nbsp;<\/p>\n<div data-test='contact-form'\n\t\t\tid='contact-form-294104'\n\t\t\tclass='jetpack-contact-form-container '\n\t\t\tdata-wp-interactive='jetpack\/form' data-wp-context='{\"formId\":\"294104\",\"formHash\":\"4ebaffed97f8a209324cd927afcf0192100a55f4\",\"showErrors\":false,\"errors\":[],\"fields\":[],\"isMultiStep\":false,\"useAjax\":false,\"submissionData\":null,\"formattedSubmissionData\":[],\"submissionSuccess\":false,\"submissionError\":null,\"elementId\":\"jp-form-4ebaffed97f8a209324cd927afcf0192100a55f4\",\"isSingleInputForm\":false,\"isForcedHorizontal\":false}'\n\t\t\tdata-wp-watch--scroll-to-wrapper=\"callbacks.scrollToWrapper\"\n\t\t>\n<div class=\"contact-form-submission contact-form-ajax-submission\" data-wp-bind--aria-hidden=\"state.isSuccessMessageAriaHidden\" data-wp-class--submission-success=\"context.submissionSuccess\" id=\"contact-form-success-4ebaffed97f8a209324cd927afcf0192100a55f4\" tabindex=\"-1\" aria-labelledby=\"contact-form-success-header-4ebaffed97f8a209324cd927afcf0192100a55f4\"><p class=\"go-back-message\"><a class=\"link\" role=\"button\" tabindex=\"0\" data-wp-on--click=\"actions.goBack\" href=\"\/fr\/wp-json\/wp\/v2\/listing\/294104\">\u2190 Retour<\/a><\/p><h4 data-wp-bind--aria-hidden=\"state.isSuccessMessageAriaHidden\" id=\"contact-form-success-header-4ebaffed97f8a209324cd927afcf0192100a55f4\">Merci pour votre r\u00e9ponse. \u2728<\/h4>\n\n<template data-wp-each--submission=\"context.formattedSubmissionData\">\n\t\t\t\t\t<div class=\"jetpack_forms_contact-form-success-summary\">\n\t\t\t\t\t\t<div class=\"field-name-wrapper\">\n\t\t\t\t\t\t\t<div class=\"field-type-icon\" data-wp-watch=\"callbacks.watchFieldTypeIcon\"><\/div>\n\t\t\t\t\t\t\t<div class=\"field-name\" data-wp-text=\"context.submission.label\" data-wp-bind--hidden=\"!context.submission.label\"><\/div>\n\t\t\t\t\t\t<\/div>\n\t\t\t\t\t\t<div class=\"field-value\" data-wp-text=\"context.submission.value\" data-wp-bind--hidden=\"!context.submission.showPlainValue\"><\/div>\n\t\t\t\t\t\t<a class=\"field-url\" data-wp-bind--href=\"context.submission.url\" data-wp-text=\"context.submission.value\" data-wp-bind--hidden=\"!context.submission.url\" target=\"_blank\" rel=\"noopener noreferrer\"><\/a>\n\t\t\t\t\t\t<div class=\"field-rating\" data-wp-bind--hidden=\"!context.submission.rating\" data-wp-watch=\"callbacks.watchRatingIcons\"><\/div>\n\t\t\t\t\t\t<div class=\"field-images\" data-wp-bind--hidden=\"!context.submission.images\">\n\t\t\t\t\t\t\t<template data-wp-each--image=\"context.submission.images\">\n\t\t\t\t\t\t\t\t<div class=\"field-image-option\" data-wp-class--is-empty=\"!context.image.src\">\n\t\t\t\t\t\t\t\t\t<figure class=\"field-image-option__image\" data-wp-class--is-empty=\"!context.image.src\">\n\t\t\t\t\t\t\t\t\t\t<img data-wp-bind--src=\"context.image.src\" data-wp-bind--hidden=\"!context.image.src\" \/>\n\t\t\t\t\t\t\t\t\t\t<img decoding=\"async\" src=\"data:image\/gif;base64,R0lGODlhAQABAAD\/ACwAAAAAAQABAAACADs=\" data-wp-bind--hidden=\"context.image.src\" \/>\n\t\t\t\t\t\t\t\t\t<\/figure>\n\t\t\t\t\t\t\t\t\t<div class=\"field-image-option__label-wrapper\">\n\t\t\t\t\t\t\t\t\t\t<span class=\"field-image-option__label-code\" data-wp-text=\"context.image.letterCode\"><\/span>\n\t\t\t\t\t\t\t\t\t\t<span class=\"field-image-option__label\" data-wp-text=\"context.image.label\" data-wp-bind--hidden=\"!context.image.label\"><\/span>\n\t\t\t\t\t\t\t\t\t<\/div>\n\t\t\t\t\t\t\t\t<\/div>\n\t\t\t\t\t\t\t<\/template>\n\t\t\t\t\t\t<\/div>\n\t\t\t\t\t\t<div class=\"field-files\" data-wp-bind--hidden=\"!context.submission.files\">\n\t\t\t\t\t\t\t<template data-wp-each--file=\"context.submission.files\">\n\t\t\t\t\t\t\t\t<div class=\"field-file\">\n\t\t\t\t\t\t\t\t\t<div class=\"field-file__thumbnail\" data-wp-style--background-image=\"context.file.previewUrl\" data-wp-style--mask-image=\"context.file.iconUrl\" data-wp-bind--hidden=\"!context.file.hasPreview\"><\/div>\n\t\t\t\t\t\t\t\t\t<svg class=\"field-file__icon\" data-wp-bind--hidden=\"context.file.hasPreview\" width=\"20\" height=\"20\" viewBox=\"0 0 24 24\" fill=\"none\" xmlns=\"http:\/\/www.w3.org\/2000\/svg\" aria-hidden=\"true\">\n\t\t\t\t\t\t\t\t\t\t<path d=\"M14 2H6C4.9 2 4 2.9 4 4V20C4 21.1 4.89 22 5.99 22H18C19.1 22 20 21.1 20 20V8L14 2ZM18 20H6V4H13V9H18V20Z\" fill=\"currentColor\"\/>\n\t\t\t\t\t\t\t\t\t<\/svg>\n\t\t\t\t\t\t\t\t\t<span class=\"field-file__name\" data-wp-text=\"context.file.name\"><\/span>\n\t\t\t\t\t\t\t\t\t<span class=\"field-file__size\" data-wp-text=\"context.file.size\"><\/span>\n\t\t\t\t\t\t\t\t<\/div>\n\t\t\t\t\t\t\t<\/template>\n\t\t\t\t\t\t<\/div>\n\t\t\t\t\t<\/div>\n\t\t\t\t<\/template><\/div><form action='https:\/\/itayachtscanada.com\/fr\/listing\/sunseeker-76-yacht-2020-3295000-usd-for-sale\/'\n\t\t\t\tid='jp-form-4ebaffed97f8a209324cd927afcf0192100a55f4'\n\t\t\t\tmethod='post'\n\t\t\t\tclass='contact-form commentsblock jetpack-contact-form__form has-no-jetpack-form-layout' aria-label=\"{:en}Sunseeker 76 Yacht 2020 $3,295,000 usd for sale{:}{:fr}Sunseeker 76 Yacht 2020 $3,295,000 usd \u00e0 vendre{:}\"\n\t\t\t\tdata-wp-on--submit=\"actions.onFormSubmit\"\n\t\t\t\tdata-wp-on--reset=\"actions.onFormReset\"\n\t\t\t\tdata-wp-class--submission-success=\"context.submissionSuccess\"\n\t\t\t\tdata-wp-class--is-first-step=\"state.isFirstStep\"\n\t\t\t\tdata-wp-class--is-last-step=\"state.isLastStep\"\n\t\t\t\tdata-wp-class--is-ajax-form=\"context.useAjax\"\n\t\t\t\tnovalidate >\n<input type='hidden' name='jetpack_contact_form_jwt' value='eyJ0eXAiOiJKV1QiLCJhbGciOiJIUzI1NiJ9.eyJlbmNyeXB0ZWRfYXR0cmlidXRlcyI6ImRacEtXMTA4elYwaDZTNFQ2NFZCUHhjdnNXYTExT2Q0Q3lhZ1N4NndkVlJpbEh5Q2NVVGZiUXJldjQzNzJoLzY4Z3NTeC9vOEtkVHNLMGQyWk1wQWFXb3IxMTV4ZDMvMFo1bVoxbUhTYkZWQVowSVpia3NmY2VtT1Vic24xNVJDWVVGU0NvdG02T1lCTFpJUFNNSXFMNFFUaDEzZ0VMUWlYdEJnb0ZrblFFM3dKbXF3QUxiTGxsTFNNNm5jVHZzM1N2V0dQWFVucC9nRlBGRWRZdjF4bTBlL0ZHMmZHMFphTEJSWlYyYS9ja0FJQ3R1YkVsczJIWG5QdmhkcXdObVZKUzJsQ1NQbzlEMkRWdGZTbS8xSTJpYTlSZFh4UHl1T25KbFBLMDlzNHNGd1pyd0ZCU1JoaFZiRUVUNlRvb0l6Y29lOGhWN1BMd21CQm9hWnpVN2V1TnplMnhnSjFPK1ArNTdPaWNUNVdBOEVQUWtCY2llcE9zRmdRMlpIUWhXYUNtT3RncndVUnlBRXRFMTB1UzI1SW4yNGVlUGFxdlJpdTdhMW9vaExxNWQydlZVcHVHeVBSRTU3SlljSG43NjQyOXgvMklIaUt3KzluQ1RPcit4SVJNSnZxMXpyeDFiVFRqTVJWMGkrcE1nblVQdHRNaTRxNE5Ba3dhZlAxcHNoVE5hUE5MQ29vY01QSEdEdE5jZUtOUzFmdXpsTEJDWGEzRzJFMDFiTFRvQXhUckRuUExONE4xZTVBeVpCUXhOcGJkaFFHZnU4eWVxejVmcG13S21mWnRLRDNPYlBDdUl3R1lldXkvNmdYYXFrb2RBM1UzZS84K1ZRYW9XR2c2YUVSUjZSUktTdFRDUHR6VE13cDVWS0tNemkwVVd0L2ZWallWYXhUd2dBVmxIMm9semQ4K0laYUtTZytwLzlpTEY3ZzIwdFNIbUVlV20zVTZBeW5YOGRwNC9sNVVJTGN0L3IrQ0xveDdPSnM5Yi95ZDhwTFhyZ0dacm5QVmkrYWF4eFg2Y2pDdFpIcHRPeHZjMTlLRk1iSWd0YzJqSzBrRWZWbGh1MS9HOU1WUkVINVMrWnJJWXJZclJnNnhPbXEzcitJYmhtMC9rVlBxbCt0MXY5M2NyN2xGM1Nub3pGNFFJT1BpNkhFT0w5U2RLK0liaDVyTWloUmQxUEM0MDBQNHlnSS9rMjNzbDc5Q1JyVDFzS2ZnMi83UnNYU09yOHBQYWFMYnhjRlZLbWRqRU5vUVdmWkM0QWtkZzhCM1hrWHJ5a21vYzVQZ0E9IiwiY29udGVudCI6Iltjb250YWN0LWZpZWxkIGxhYmVsPVwiTm9tOlwiIHR5cGU9XCJuYW1lXCIgcmVxdWlyZWQ9XCIxXCJdW2NvbnRhY3QtZmllbGQgbGFiZWw9XCJFLW1haWxcIiB0eXBlPVwiZW1haWxcIiByZXF1aXJlZD1cIjFcIl1bY29udGFjdC1maWVsZCBsYWJlbD1cIkF1IHN1amV0IGRlIGNlIHlhY2h0OlwiIHR5cGU9XCJ0ZXh0XCJdW2NvbnRhY3QtZmllbGQgbGFiZWw9XCJNZXNzYWdlXCIgdHlwZT1cInRleHRhcmVhXCJdIiwiaGFzaCI6IjRlYmFmZmVkOTdmOGEyMDkzMjRjZDkyN2FmY2YwMTkyMTAwYTU1ZjQiLCJzb3VyY2UiOnsiZW50cnlfdGl0bGUiOiJTdW5zZWVrZXIgNzYgWWFjaHQgMjAyMCAkMywyOTUsMDAwIHVzZCBcdTAwZTAgdmVuZHJlIiwiZW50cnlfcGFnZSI6MSwic291cmNlX2lkIjoyOTQxMDQsInNvdXJjZV90eXBlIjoic2luZ2xlIiwicmVxdWVzdF91cmwiOiJodHRwczovL2l0YXlhY2h0c2NhbmFkYS5jb20vZnIvd3AtanNvbi93cC92Mi9saXN0aW5nLzI5NDEwNCJ9LCJ2ZXJzaW9uIjoyLCJjaXBoZXIiOiJhZXMtMjU2LWdjbSJ9.R4FObG392HcymWWJI3hQVTn6zP2GInT3_V3MSwbFbE4' \/>\n\n<div style=\"\"  data-wp-interactive=\"jetpack\/form\" data-wp-context='{\"fieldId\":\"g294104-nom\",\"fieldType\":\"name\",\"fieldLabel\":\"Nom:\",\"fieldValue\":\"\",\"fieldPlaceholder\":\"\",\"fieldIsRequired\":\"1\",\"fieldErrorMessage\":\"\",\"fieldExtra\":[],\"formHash\":\"4ebaffed97f8a209324cd927afcf0192100a55f4\"}'  class='grunion-field-name-wrap grunion-field-wrap'  data-wp-init='callbacks.initializeField' data-wp-on--jetpack-form-reset='callbacks.initializeField' >\n<label\n\t\t\t\tfor='g294104-nom' class=\"grunion-field-label name\" >Nom:<span class=\"grunion-label-required\" aria-hidden=\"true\">(obligatoire)<\/span><\/label>\n<input\n\t\t\t\t\ttype='text'\n\t\t\t\t\tname='g294104-nom'\n\t\t\t\t\tid='g294104-nom'\n\t\t\t\t\tvalue=''\n\n\t\t\t\t\tdata-wp-bind--aria-invalid='state.fieldAriaInvalid'\n\t\t\t\t\tdata-wp-bind--value='state.getFieldValue'\n\t\t\t\t\taria-describedby='g294104-nom-text-error-message'\n\t\t\t\t\tdata-wp-on--input='actions.onFieldChange'\n\t\t\t\t\tdata-wp-on--blur='actions.onFieldBlur'\n\t\t\t\t\tdata-wp-class--has-value='state.hasFieldValue'\n\n\t\t\t\t\tclass='name  grunion-field' \n\t\t\t\t\trequired='true' aria-required='true'  \/>\n \n\t\t\t<div id=\"g294104-nom-text-error\" class=\"contact-form__input-error\" data-wp-class--has-errors=\"state.fieldHasErrors\">\n\t\t\t\t<span class=\"contact-form__warning-icon\" aria-hidden=\"true\">\n\t\t\t\t\t<svg width=\"16\" height=\"16\" viewBox=\"0 0 16 16\" fill=\"none\" xmlns=\"http:\/\/www.w3.org\/2000\/svg\">\n\t\t\t\t\t\t<path d=\"M8.50015 11.6402H7.50015V10.6402H8.50015V11.6402Z\" \/>\n\t\t\t\t\t\t<path d=\"M7.50015 9.64018H8.50015V6.30684H7.50015V9.64018Z\" \/>\n\t\t\t\t\t\t<path fill-rule=\"evenodd\" clip-rule=\"evenodd\" d=\"M6.98331 3.0947C7.42933 2.30177 8.57096 2.30177 9.01698 3.09469L13.8771 11.7349C14.3145 12.5126 13.7525 13.4735 12.8602 13.4735H3.14004C2.24774 13.4735 1.68575 12.5126 2.12321 11.7349L6.98331 3.0947ZM8.14541 3.58496C8.08169 3.47168 7.9186 3.47168 7.85488 3.58496L2.99478 12.2251C2.93229 12.3362 3.01257 12.4735 3.14004 12.4735H12.8602C12.9877 12.4735 13.068 12.3362 13.0055 12.2251L8.14541 3.58496Z\" \/>\n\t\t\t\t\t<\/svg>\n\t\t\t\t<\/span>\n\t\t\t\t<span data-wp-text=\"state.errorMessage\" id=\"g294104-nom-text-error-message\"><\/span>\n\t\t\t<\/div> \n\t<\/div>\n\n<div style=\"\"  data-wp-interactive=\"jetpack\/form\" data-wp-context='{\"fieldId\":\"g294104-email\",\"fieldType\":\"email\",\"fieldLabel\":\"E-mail\",\"fieldValue\":\"\",\"fieldPlaceholder\":\"\",\"fieldIsRequired\":\"1\",\"fieldErrorMessage\":\"\",\"fieldExtra\":[],\"formHash\":\"4ebaffed97f8a209324cd927afcf0192100a55f4\"}'  class='grunion-field-email-wrap grunion-field-wrap'  data-wp-init='callbacks.initializeField' data-wp-on--jetpack-form-reset='callbacks.initializeField' >\n<label\n\t\t\t\tfor='g294104-email' class=\"grunion-field-label email\" >E-mail<span class=\"grunion-label-required\" aria-hidden=\"true\">(obligatoire)<\/span><\/label>\n<input\n\t\t\t\t\ttype='email'\n\t\t\t\t\tname='g294104-email'\n\t\t\t\t\tid='g294104-email'\n\t\t\t\t\tvalue=''\n\n\t\t\t\t\tdata-wp-bind--aria-invalid='state.fieldAriaInvalid'\n\t\t\t\t\tdata-wp-bind--value='state.getFieldValue'\n\t\t\t\t\taria-describedby='g294104-email-email-error-message'\n\t\t\t\t\tdata-wp-on--input='actions.onFieldChange'\n\t\t\t\t\tdata-wp-on--blur='actions.onFieldBlur'\n\t\t\t\t\tdata-wp-class--has-value='state.hasFieldValue'\n\n\t\t\t\t\tclass='email  grunion-field' \n\t\t\t\t\trequired='true' aria-required='true'  \/>\n \n\t\t\t<div id=\"g294104-email-email-error\" class=\"contact-form__input-error\" data-wp-class--has-errors=\"state.fieldHasErrors\">\n\t\t\t\t<span class=\"contact-form__warning-icon\" aria-hidden=\"true\">\n\t\t\t\t\t<svg width=\"16\" height=\"16\" viewBox=\"0 0 16 16\" fill=\"none\" xmlns=\"http:\/\/www.w3.org\/2000\/svg\">\n\t\t\t\t\t\t<path d=\"M8.50015 11.6402H7.50015V10.6402H8.50015V11.6402Z\" \/>\n\t\t\t\t\t\t<path d=\"M7.50015 9.64018H8.50015V6.30684H7.50015V9.64018Z\" \/>\n\t\t\t\t\t\t<path fill-rule=\"evenodd\" clip-rule=\"evenodd\" d=\"M6.98331 3.0947C7.42933 2.30177 8.57096 2.30177 9.01698 3.09469L13.8771 11.7349C14.3145 12.5126 13.7525 13.4735 12.8602 13.4735H3.14004C2.24774 13.4735 1.68575 12.5126 2.12321 11.7349L6.98331 3.0947ZM8.14541 3.58496C8.08169 3.47168 7.9186 3.47168 7.85488 3.58496L2.99478 12.2251C2.93229 12.3362 3.01257 12.4735 3.14004 12.4735H12.8602C12.9877 12.4735 13.068 12.3362 13.0055 12.2251L8.14541 3.58496Z\" \/>\n\t\t\t\t\t<\/svg>\n\t\t\t\t<\/span>\n\t\t\t\t<span data-wp-text=\"state.errorMessage\" id=\"g294104-email-email-error-message\"><\/span>\n\t\t\t<\/div> \n\t<\/div>\n\n<div style=\"\"  data-wp-interactive=\"jetpack\/form\" data-wp-context='{\"fieldId\":\"g294104-ausujetdeceyacht\",\"fieldType\":\"text\",\"fieldLabel\":\"Au sujet de ce yacht:\",\"fieldValue\":\"\",\"fieldPlaceholder\":\"\",\"fieldIsRequired\":\"\",\"fieldErrorMessage\":\"\",\"fieldExtra\":[],\"formHash\":\"4ebaffed97f8a209324cd927afcf0192100a55f4\"}'  class='grunion-field-text-wrap grunion-field-wrap'  data-wp-init='callbacks.initializeField' data-wp-on--jetpack-form-reset='callbacks.initializeField' >\n<label\n\t\t\t\tfor='g294104-ausujetdeceyacht' class=\"grunion-field-label text\" >Au sujet de ce yacht:<\/label>\n<input\n\t\t\t\t\ttype='text'\n\t\t\t\t\tname='g294104-ausujetdeceyacht'\n\t\t\t\t\tid='g294104-ausujetdeceyacht'\n\t\t\t\t\tvalue=''\n\n\t\t\t\t\tdata-wp-bind--aria-invalid='state.fieldAriaInvalid'\n\t\t\t\t\tdata-wp-bind--value='state.getFieldValue'\n\t\t\t\t\taria-describedby='g294104-ausujetdeceyacht-text-error-message'\n\t\t\t\t\tdata-wp-on--input='actions.onFieldChange'\n\t\t\t\t\tdata-wp-on--blur='actions.onFieldBlur'\n\t\t\t\t\tdata-wp-class--has-value='state.hasFieldValue'\n\n\t\t\t\t\tclass='text  grunion-field' \n\t\t\t\t\t \/>\n \n\t\t\t<div id=\"g294104-ausujetdeceyacht-text-error\" class=\"contact-form__input-error\" data-wp-class--has-errors=\"state.fieldHasErrors\">\n\t\t\t\t<span class=\"contact-form__warning-icon\" aria-hidden=\"true\">\n\t\t\t\t\t<svg width=\"16\" height=\"16\" viewBox=\"0 0 16 16\" fill=\"none\" xmlns=\"http:\/\/www.w3.org\/2000\/svg\">\n\t\t\t\t\t\t<path d=\"M8.50015 11.6402H7.50015V10.6402H8.50015V11.6402Z\" \/>\n\t\t\t\t\t\t<path d=\"M7.50015 9.64018H8.50015V6.30684H7.50015V9.64018Z\" \/>\n\t\t\t\t\t\t<path fill-rule=\"evenodd\" clip-rule=\"evenodd\" d=\"M6.98331 3.0947C7.42933 2.30177 8.57096 2.30177 9.01698 3.09469L13.8771 11.7349C14.3145 12.5126 13.7525 13.4735 12.8602 13.4735H3.14004C2.24774 13.4735 1.68575 12.5126 2.12321 11.7349L6.98331 3.0947ZM8.14541 3.58496C8.08169 3.47168 7.9186 3.47168 7.85488 3.58496L2.99478 12.2251C2.93229 12.3362 3.01257 12.4735 3.14004 12.4735H12.8602C12.9877 12.4735 13.068 12.3362 13.0055 12.2251L8.14541 3.58496Z\" \/>\n\t\t\t\t\t<\/svg>\n\t\t\t\t<\/span>\n\t\t\t\t<span data-wp-text=\"state.errorMessage\" id=\"g294104-ausujetdeceyacht-text-error-message\"><\/span>\n\t\t\t<\/div> \n\t<\/div>\n\n<div style=\"\"  data-wp-interactive=\"jetpack\/form\" data-wp-context='{\"fieldId\":\"g294104-message\",\"fieldType\":\"textarea\",\"fieldLabel\":\"Message\",\"fieldValue\":\"\",\"fieldPlaceholder\":\"\",\"fieldIsRequired\":\"\",\"fieldErrorMessage\":\"\",\"fieldExtra\":[],\"formHash\":\"4ebaffed97f8a209324cd927afcf0192100a55f4\"}'  class='grunion-field-textarea-wrap grunion-field-wrap'  data-wp-init='callbacks.initializeField' data-wp-on--jetpack-form-reset='callbacks.initializeField' >\n<label\n\t\t\t\tfor='contact-form-comment-g294104-message' class=\"grunion-field-label textarea\" >Message<\/label>\n<textarea\n\t\t                style=''\n\t\t                name='g294104-message'\n\t\t                id='contact-form-comment-g294104-message'\n\t\t                rows='20'\n\t\t\t\t\t\tdata-wp-text='state.getFieldValue'\n\t\t\t\t\t\tdata-wp-on--input='actions.onFieldChange'\n\t\t\t\t\t\tdata-wp-on--blur='actions.onFieldBlur'\n\t\t\t\t\t\tdata-wp-class--has-value='state.hasFieldValue'\n\t\t\t\t\t\taria-describedby='g294104-message-textarea-error-message'\n\t\t\t\t\t\tdata-wp-bind--aria-invalid='state.fieldAriaInvalid'\n\t\t\t\t\t\tclass='textarea  grunion-field'  ><\/textarea>\n \n\t\t\t<div id=\"g294104-message-textarea-error\" class=\"contact-form__input-error\" data-wp-class--has-errors=\"state.fieldHasErrors\">\n\t\t\t\t<span class=\"contact-form__warning-icon\" aria-hidden=\"true\">\n\t\t\t\t\t<svg width=\"16\" height=\"16\" viewBox=\"0 0 16 16\" fill=\"none\" xmlns=\"http:\/\/www.w3.org\/2000\/svg\">\n\t\t\t\t\t\t<path d=\"M8.50015 11.6402H7.50015V10.6402H8.50015V11.6402Z\" \/>\n\t\t\t\t\t\t<path d=\"M7.50015 9.64018H8.50015V6.30684H7.50015V9.64018Z\" \/>\n\t\t\t\t\t\t<path fill-rule=\"evenodd\" clip-rule=\"evenodd\" d=\"M6.98331 3.0947C7.42933 2.30177 8.57096 2.30177 9.01698 3.09469L13.8771 11.7349C14.3145 12.5126 13.7525 13.4735 12.8602 13.4735H3.14004C2.24774 13.4735 1.68575 12.5126 2.12321 11.7349L6.98331 3.0947ZM8.14541 3.58496C8.08169 3.47168 7.9186 3.47168 7.85488 3.58496L2.99478 12.2251C2.93229 12.3362 3.01257 12.4735 3.14004 12.4735H12.8602C12.9877 12.4735 13.068 12.3362 13.0055 12.2251L8.14541 3.58496Z\" \/>\n\t\t\t\t\t<\/svg>\n\t\t\t\t<\/span>\n\t\t\t\t<span data-wp-text=\"state.errorMessage\" id=\"g294104-message-textarea-error-message\"><\/span>\n\t\t\t<\/div>\n\t<\/div>\n\t<p class='contact-submit'>\n<div class=\"contact-form__error\" data-wp-class--show-errors=\"state.showFormErrors\"><span class=\"contact-form__warning-icon\" aria-hidden=\"true\"><i><\/i><\/span><span class=\"contact-form__error-message\" tabindex=\"-1\" data-wp-watch=\"callbacks.focusOnValidationError\" data-wp-text=\"state.getFormErrorMessage\"><\/span><ul aria-label=\"Erreurs de formulaire\">\n\t\t\t\t<template data-wp-each=\"state.getErrorList\" data-wp-key=\"context.item.id\">\n\t\t\t\t\t<li><a data-wp-bind--href=\"context.item.anchor\" data-wp-on--click=\"actions.scrollIntoView\" data-wp-text=\"context.item.label\"><\/a><\/li>\n\t\t\t\t<\/template>\n\t\t\t\t<\/ul><\/div><div class=\"contact-form__error\" data-wp-class--show-errors=\"state.showSubmissionError\" data-wp-text=\"context.submissionError\" tabindex=\"-1\" data-wp-watch=\"callbacks.focusOnSubmissionError\"><\/div>\t\t<button type='submit' class='pushbutton-wide'>Envoyer<\/button>\t\t<input type='hidden' name='contact-form-id' value='294104' \/>\n\t\t<input type='hidden' name='action' value='grunion-contact-form' \/>\n\t\t<input type='hidden' name='contact-form-hash' value='4ebaffed97f8a209324cd927afcf0192100a55f4' \/>\n\t<\/p>\n<p style=\"display: none !important;\" class=\"akismet-fields-container\" data-prefix=\"ak_\"><label>&#916;<textarea name=\"ak_hp_textarea\" cols=\"45\" rows=\"8\" maxlength=\"100\"><\/textarea><\/label><input type=\"hidden\" id=\"ak_js_1\" name=\"ak_js\" value=\"113\"\/><script type=\"text\/javascript\">\n\/* <![CDATA[ *\/\ndocument.getElementById( \"ak_js_1\" ).setAttribute( \"value\", ( new Date() ).getTime() );\n\/* ]]> *\/\n<\/script>\n<\/p><\/form>\n<\/div>\n<p>&nbsp;<\/p>\n<p>&nbsp;<\/p>\n<\/div>\n<\/div>\n<\/div>\n","protected":false},"excerpt":{"rendered":"<p>Sunseeker 76 Yacht 2020 $3,295,000 usd \u00e0 vendre Le Sunseeker 76 Yacht repr\u00e9sente le summum du luxe et des performances modernes. Alliant un design \u00e9l\u00e9gant \u00e0 un savoir-faire sans compromis, le \u00ab Chinonino \u00bb offre des espaces vastes, un confort exceptionnel et une puissance impressionnante, id\u00e9al pour les propri\u00e9taires exigeants qui recherchent \u00e0 la fois &hellip; <a href=\"https:\/\/itayachtscanada.com\/fr\/listing\/sunseeker-76-yacht-2020-3295000-usd-for-sale\/\" class=\"more-link\">Lire la suite <span class=\"screen-reader-text\">Sunseeker 76 Yacht 2020 $3,295,000 usd \u00e0 vendre<\/span> <span class=\"meta-nav\">&rarr;<\/span><\/a><\/p>\n","protected":false},"author":119081455,"featured_media":294108,"parent":0,"menu_order":0,"comment_status":"open","ping_status":"open","template":"","format":"standard","meta":{"_coblocks_attr":"","_coblocks_dimensions":"","_coblocks_responsive_height":"","_coblocks_accordion_ie_support":"","_lmt_disableupdate":"no","_lmt_disable":"no","advanced_seo_description":"","jetpack_seo_html_title":"","jetpack_seo_noindex":false,"footnotes":""},"manufacturer":[6427],"prix":[6730],"years":[6379],"length_feet":[6589],"boat_type":[6464],"price_range":[6581],"localisations":[],"numyacht":[10964,11254],"datevente":[10963,11151,11253],"country":[10755],"states":[10770],"city":[10812],"fresh-water-boat":[10809],"broker":[],"migration":[10887],"class_list":["post-294104","listing","type-listing","status-publish","format-standard","has-post-thumbnail","hentry","manufacturer-sunseeker","prix-6730","years-6379","length_feet-between-70-and-79-feets","boat_type-flybridge","price_range-3000000-4999999","numyacht-10964","numyacht-11254","datevente-2025-12-02","datevente-2026-01-31","datevente-2026-03-30","country-united-states","states-floride","city-fort-lauderdale","fresh-water-boat-non","migration-oui"],"translation":{"provider":"WPGlobus","version":"2.12.2","language":"fr","enabled_languages":["en","fr"],"languages":{"en":{"title":true,"content":true,"excerpt":false},"fr":{"title":true,"content":true,"excerpt":false}}},"jetpack_likes_enabled":true,"jetpack_sharing_enabled":true,"_links":{"self":[{"href":"https:\/\/itayachtscanada.com\/fr\/wp-json\/wp\/v2\/listing\/294104","targetHints":{"allow":["GET"]}}],"collection":[{"href":"https:\/\/itayachtscanada.com\/fr\/wp-json\/wp\/v2\/listing"}],"about":[{"href":"https:\/\/itayachtscanada.com\/fr\/wp-json\/wp\/v2\/types\/listing"}],"author":[{"embeddable":true,"href":"https:\/\/itayachtscanada.com\/fr\/wp-json\/wp\/v2\/users\/119081455"}],"replies":[{"embeddable":true,"href":"https:\/\/itayachtscanada.com\/fr\/wp-json\/wp\/v2\/comments?post=294104"}],"version-history":[{"count":10,"href":"https:\/\/itayachtscanada.com\/fr\/wp-json\/wp\/v2\/listing\/294104\/revisions"}],"predecessor-version":[{"id":300635,"href":"https:\/\/itayachtscanada.com\/fr\/wp-json\/wp\/v2\/listing\/294104\/revisions\/300635"}],"wp:featuredmedia":[{"embeddable":true,"href":"https:\/\/itayachtscanada.com\/fr\/wp-json\/wp\/v2\/media\/294108"}],"wp:attachment":[{"href":"https:\/\/itayachtscanada.com\/fr\/wp-json\/wp\/v2\/media?parent=294104"}],"wp:term":[{"taxonomy":"manufacturer","embeddable":true,"href":"https:\/\/itayachtscanada.com\/fr\/wp-json\/wp\/v2\/manufacturer?post=294104"},{"taxonomy":"prix","embeddable":true,"href":"https:\/\/itayachtscanada.com\/fr\/wp-json\/wp\/v2\/prix?post=294104"},{"taxonomy":"years","embeddable":true,"href":"https:\/\/itayachtscanada.com\/fr\/wp-json\/wp\/v2\/years?post=294104"},{"taxonomy":"length_feet","embeddable":true,"href":"https:\/\/itayachtscanada.com\/fr\/wp-json\/wp\/v2\/length_feet?post=294104"},{"taxonomy":"boat_type","embeddable":true,"href":"https:\/\/itayachtscanada.com\/fr\/wp-json\/wp\/v2\/boat_type?post=294104"},{"taxonomy":"price_range","embeddable":true,"href":"https:\/\/itayachtscanada.com\/fr\/wp-json\/wp\/v2\/price_range?post=294104"},{"taxonomy":"localisations","embeddable":true,"href":"https:\/\/itayachtscanada.com\/fr\/wp-json\/wp\/v2\/localisations?post=294104"},{"taxonomy":"numyacht","embeddable":true,"href":"https:\/\/itayachtscanada.com\/fr\/wp-json\/wp\/v2\/numyacht?post=294104"},{"taxonomy":"datevente","embeddable":true,"href":"https:\/\/itayachtscanada.com\/fr\/wp-json\/wp\/v2\/datevente?post=294104"},{"taxonomy":"country","embeddable":true,"href":"https:\/\/itayachtscanada.com\/fr\/wp-json\/wp\/v2\/country?post=294104"},{"taxonomy":"states","embeddable":true,"href":"https:\/\/itayachtscanada.com\/fr\/wp-json\/wp\/v2\/states?post=294104"},{"taxonomy":"city","embeddable":true,"href":"https:\/\/itayachtscanada.com\/fr\/wp-json\/wp\/v2\/city?post=294104"},{"taxonomy":"fresh-water-boat","embeddable":true,"href":"https:\/\/itayachtscanada.com\/fr\/wp-json\/wp\/v2\/fresh-water-boat?post=294104"},{"taxonomy":"broker","embeddable":true,"href":"https:\/\/itayachtscanada.com\/fr\/wp-json\/wp\/v2\/broker?post=294104"},{"taxonomy":"migration","embeddable":true,"href":"https:\/\/itayachtscanada.com\/fr\/wp-json\/wp\/v2\/migration?post=294104"}],"curies":[{"name":"wp","href":"https:\/\/api.w.org\/{rel}","templated":true}]}}