{"id":292537,"date":"2025-11-04T17:15:58","date_gmt":"2025-11-04T22:15:58","guid":{"rendered":"https:\/\/itayachtscanada.com\/?post_type=listing&#038;p=292537"},"modified":"2026-04-25T11:25:15","modified_gmt":"2026-04-25T15:25:15","slug":"belize-66-daybridge-2025-3945000-usd-for-sale","status":"publish","type":"listing","link":"https:\/\/itayachtscanada.com\/fr\/listing\/belize-66-daybridge-2025-3945000-usd-for-sale\/","title":{"rendered":"Belize 66 Daybridge 2025 \u00e0 vendre $ 3\u00a0945\u00a0000 USD"},"content":{"rendered":"<div class=\"html-content-description\">\n<div class=\"content-box\">\n<div class=\"column-container cols-3\">\n<div class=\"column\">\n<div class=\"column-item\">\n<div class=\"content-box\">\n<div class=\"column-container cols-3\">\n<div class=\"column\">\n<div class=\"column-item\">\n<div>\n<p>OFF MARKET (pr\u00e9sentement retir\u00e9 de la vente)<\/p>\n<p><strong>Belize 66 Daybridge 2025 \u00e0 vendre\u00a0 $ 3 945 000 USD<\/strong><\/p>\n<p>Saisissez cette opportunit\u00e9 exceptionnelle d&rsquo;acqu\u00e9rir un Belize 66 Daybridge de 2025 en excellent \u00e9tat, sans attendre\u00a0! Ce yacht est tr\u00e8s bien \u00e9quip\u00e9, avec une liste exhaustive d&rsquo;options facilitant sa navigation pour un couple. Livr\u00e9 en novembre 2024, il b\u00e9n\u00e9ficie encore des garanties constructeur sur les moteurs et la coque. Les photos ont \u00e9t\u00e9 prises dans la baie de Naples en janvier 2025. Consultez la description pour une liste compl\u00e8te des \u00e9quipements de s\u00e9rie et en option. Le vendeur, tr\u00e8s motiv\u00e9, recherche des offres pour ce yacht haut de gamme, propos\u00e9 \u00e0 un prix nettement inf\u00e9rieur \u00e0 sa valeur de remplacement. Les occasions d&rsquo;acqu\u00e9rir un Belize 66 Daybridge sur le march\u00e9 de l&rsquo;occasion sont rares, et ce magnifique exemplaire est actuellement le seul disponible en Am\u00e9rique du Nord.<\/p>\n<p>Voici une s\u00e9lection de ses \u00e9quipements : stabilisateur Seakeeper 18, syst\u00e8me d&rsquo;amarrage Volvo Dock Assist avec propulseur int\u00e9gr\u00e9, dessalinisateur, am\u00e9nagement propri\u00e9taire personnalis\u00e9 avec lit king-size, cam\u00e9ra FLIR HD, syst\u00e8me ElectroSea ClearLine, syst\u00e8me d&rsquo;amarrage t\u00e9l\u00e9command\u00e9 DockMate, \u00e9chelle et rampes d&#8217;embarquement personnalis\u00e9es (3), m\u00e9t\u00e9o par satellite, internet Starlink avec r\u00e9seau, syst\u00e8me de s\u00e9curit\u00e9 et de gestion du navire Siren Marine, connectivit\u00e9 iPad \u00e0 CZone \u00e0 bord, et bien plus encore. Pour une liste compl\u00e8te des \u00e9quipements de s\u00e9rie, des options et des \u00e9quipements personnalis\u00e9s, veuillez consulter les descriptions compl\u00e9mentaires ci-dessous et les sp\u00e9cifications compl\u00e8tes.<\/p>\n<p>Le yacht \u00e0 moteur Belize 66 Daybridge Flybridge, disponible \u00e0 la vente, \u00e9voque le design classique de l&rsquo;\u00e2ge d&rsquo;or. Alliant technologies et mat\u00e9riaux modernes, syst\u00e8mes de propulsion avanc\u00e9s et luxe contemporain, Riviera est fier de vous pr\u00e9senter le Belize 66 Daybridge.<\/p>\n<p>Un design unique qui incarne \u00e0 la perfection le luxe et l&rsquo;\u00e9l\u00e9gance du yachting \u00e0 moteur. Con\u00e7u par 4D Designs en collaboration avec les \u00e9quipes de design de Riviera et de Belize, le Belize 66 est unique en son genre. Un savoir-faire in\u00e9gal\u00e9. Une personnalisation sans pareille.<\/p>\n<p>Acc\u00e9dez au vaste cockpit en teck, avec garage \u00e0 annexe int\u00e9gr\u00e9, par les portes de tableau arri\u00e8re ou par les portes lat\u00e9rales. Personnalisez l&rsquo;immense salon avec des tissus de choix et des finitions sur mesure. La cuisine en U, le coin repas avant et le salon ind\u00e9pendant vous s\u00e9duiront. \u00c0 l&rsquo;ext\u00e9rieur, de larges passavants m\u00e8nent au pont avant, id\u00e9al pour les amateurs de soleil.<\/p>\n<p>D\u00e9couvrez le poste de pilotage \u00e0 l&rsquo;avant. Le poste de pilotage inf\u00e9rieur et le poste de pilotage spacieux du Daybridge sont tous deux \u00e9quip\u00e9s d&rsquo;aides \u00e0 la navigation de pointe, d&rsquo;un \u00e9cran tactile intuitif et d&rsquo;un joystick facile \u00e0 utiliser. Le syst\u00e8me Volvo Penta Inboard Performance System (IPS) offre des performances exceptionnelles et une consommation remarquable.<\/p>\n<p>Descendez l&rsquo;escalier avant pour acc\u00e9der au pont des cabines. Choisissez entre des configurations \u00e0 trois ou quatre cabines avec trois salles de bains luxueuses. Possibilit\u00e9 d&rsquo;ajouter des quartiers d&rsquo;\u00e9quipage ou une buanderie.<\/p>\n<p>Un nombre limit\u00e9 de yachts \u00e0 moteur Belize est construit chaque ann\u00e9e. Cela signifie que vous poss\u00e9derez et piloterez un bien unique et exceptionnel\u2026<\/p>\n<h3>Ce Belize 66 Daybridge se trouve en Floride. Pour plus de d\u00e9tails, veuillez nous contacter au 514-521-1221, ce Belize 66 Daybridge est fabriqu\u00e9 par Riviera en Australie. Nos bureaux sont situ\u00e9s en banlieue de Montr\u00e9al.<\/h3>\n<p>Dimensions<br \/>\nLongueur hors tout : 21,11 m ou 69.3 pi<br \/>\nLargeur : 5,41 m ou 17.9 pi<br \/>\nTirant d&rsquo;eau maximum : 1,65 m ou 5.5 pi<br \/>\nPoids<br \/>\nPoids \u00e0 sec : 38 400 kg ou 84911 lbs<br \/>\nVitesse<br \/>\nVitesse de croisi\u00e8re : 25 n\u0153uds \u00e0 2\u00a0100 tr\/min<br \/>\nVitesse de coque : 31,5 n\u0153uds \u00e0 2\u00a0480 tr\/min<br \/>\nAutonomie : 352 milles nautiques<br \/>\nR\u00e9servoirs<br \/>\nCarburant : 4\u00a0400 l<br \/>\nEau douce : 700 l<br \/>\nEaux noires : 500 l<br \/>\nAm\u00e9nagements<br \/>\nCabines invit\u00e9s : 3<br \/>\nSolutions d&rsquo;entretien : 3<br \/>\nAutres<br \/>\nGarantie de la coque : 7 ans<br \/>\nValeur de la garantie : 7 novembre 2026<br \/>\nType de coque : Coque en V modifi\u00e9e<br \/>\nPavillon d&rsquo;immatriculation : \u00c9tats-Unis<br \/>\nConstructeur : Riviera Boats<br \/>\nGuindeau : Guindeau \u00e9lectrique<br \/>\nCircuit \u00e9lectrique : 24 V<br \/>\nTrim Tabs : Oui<\/p>\n<p>Moteurs :<\/p>\n<p>Volvo Penta D13 IPS 1350 (Moteur 1)<\/p>\n<p>Type de moteur\u00a0: Inboard<\/p>\n<p>Carburant\u00a0: Diesel<br \/>\nHeures moteur\u00a0: 100<br \/>\nPuissance\u00a0: 1\u00a0000\u00a0ch<br \/>\nType de transmission\u00a0: Pod Drive<br \/>\nMat\u00e9riau de l\u2019h\u00e9lice\u00a0: Alliage<br \/>\nCoupe-corde\u00a0: Oui<\/p>\n<p>&nbsp;<\/p>\n<p>Volvo Penta D13 IPS 1350 (Moteur 2)<\/p>\n<p>Type de moteur\u00a0: Inboard<\/p>\n<p>Carburant\u00a0: Diesel<br \/>\nHeures moteur\u00a0: 100<br \/>\nPuissance\u00a0: 1\u00a0000\u00a0ch<br \/>\nType de transmission\u00a0: Pod Drive<br \/>\nMat\u00e9riau de l\u2019h\u00e9lice\u00a0: Alliage<br \/>\nCoupe-corde\u00a0: Oui<\/p>\n<\/div>\n<div><\/div>\n<div>\n<div data-carousel-extra='{&quot;blog_id&quot;:1,&quot;permalink&quot;:&quot;https:\/\/itayachtscanada.com\/fr\/listing\/belize-66-daybridge-2025-3945000-usd-for-sale\/&quot;}' id='gallery-1' class='gallery galleryid-292537 gallery-columns-3 gallery-size-thumbnail'><figure class='gallery-item'>\n\t\t\t<div class='gallery-icon landscape'>\n\t\t\t\t<a href='https:\/\/itayachtscanada.com\/fr\/listing\/belize-66-daybridge-2025-3945000-usd-for-sale\/capture-decran-le-2025-11-04-a-15-45-10\/'><img loading=\"lazy\" decoding=\"async\" width=\"150\" height=\"150\" src=\"https:\/\/i0.wp.com\/itayachtscanada.com\/wp-content\/uploads\/2025\/11\/Capture-decran-le-2025-11-04-a-15.45.10.jpg?resize=150%2C150&amp;ssl=1\" class=\"attachment-thumbnail size-thumbnail\" alt=\"\" srcset=\"https:\/\/i0.wp.com\/itayachtscanada.com\/wp-content\/uploads\/2025\/11\/Capture-decran-le-2025-11-04-a-15.45.10.jpg?resize=150%2C150&amp;ssl=1 150w, https:\/\/i0.wp.com\/itayachtscanada.com\/wp-content\/uploads\/2025\/11\/Capture-decran-le-2025-11-04-a-15.45.10.jpg?resize=60%2C60&amp;ssl=1 60w, https:\/\/i0.wp.com\/itayachtscanada.com\/wp-content\/uploads\/2025\/11\/Capture-decran-le-2025-11-04-a-15.45.10.jpg?resize=80%2C80&amp;ssl=1 80w, https:\/\/i0.wp.com\/itayachtscanada.com\/wp-content\/uploads\/2025\/11\/Capture-decran-le-2025-11-04-a-15.45.10.jpg?resize=100%2C100&amp;ssl=1 100w, https:\/\/i0.wp.com\/itayachtscanada.com\/wp-content\/uploads\/2025\/11\/Capture-decran-le-2025-11-04-a-15.45.10.jpg?resize=50%2C50&amp;ssl=1 50w, https:\/\/i0.wp.com\/itayachtscanada.com\/wp-content\/uploads\/2025\/11\/Capture-decran-le-2025-11-04-a-15.45.10.jpg?zoom=2&amp;resize=150%2C150&amp;ssl=1 300w, https:\/\/i0.wp.com\/itayachtscanada.com\/wp-content\/uploads\/2025\/11\/Capture-decran-le-2025-11-04-a-15.45.10.jpg?zoom=3&amp;resize=150%2C150&amp;ssl=1 450w\" sizes=\"auto, (max-width: 150px) 100vw, 150px\" data-attachment-id=\"292553\" data-permalink=\"https:\/\/itayachtscanada.com\/fr\/listing\/belize-66-daybridge-2025-3945000-usd-for-sale\/capture-decran-le-2025-11-04-a-15-45-10\/\" data-orig-file=\"https:\/\/i0.wp.com\/itayachtscanada.com\/wp-content\/uploads\/2025\/11\/Capture-decran-le-2025-11-04-a-15.45.10.jpg?fit=1686%2C986&amp;ssl=1\" data-orig-size=\"1686,986\" data-comments-opened=\"1\" data-image-meta=\"{&quot;aperture&quot;:&quot;0&quot;,&quot;credit&quot;:&quot;&quot;,&quot;camera&quot;:&quot;&quot;,&quot;caption&quot;:&quot;&quot;,&quot;created_timestamp&quot;:&quot;0&quot;,&quot;copyright&quot;:&quot;&quot;,&quot;focal_length&quot;:&quot;0&quot;,&quot;iso&quot;:&quot;0&quot;,&quot;shutter_speed&quot;:&quot;0&quot;,&quot;title&quot;:&quot;&quot;,&quot;orientation&quot;:&quot;0&quot;}\" data-image-title=\"Capture d\u2019e\u0301cran, le 2025-11-04 a\u0300 15.45.10\" data-image-description=\"\" data-image-caption=\"\" data-large-file=\"https:\/\/i0.wp.com\/itayachtscanada.com\/wp-content\/uploads\/2025\/11\/Capture-decran-le-2025-11-04-a-15.45.10.jpg?fit=700%2C409&amp;ssl=1\" \/><\/a>\n\t\t\t<\/div><\/figure><figure class='gallery-item'>\n\t\t\t<div class='gallery-icon landscape'>\n\t\t\t\t<a href='https:\/\/itayachtscanada.com\/fr\/listing\/belize-66-daybridge-2025-3945000-usd-for-sale\/capture-decran-le-2025-11-04-a-15-45-20\/'><img loading=\"lazy\" decoding=\"async\" width=\"150\" height=\"150\" src=\"https:\/\/i0.wp.com\/itayachtscanada.com\/wp-content\/uploads\/2025\/11\/Capture-decran-le-2025-11-04-a-15.45.20.jpg?resize=150%2C150&amp;ssl=1\" class=\"attachment-thumbnail size-thumbnail\" alt=\"\" srcset=\"https:\/\/i0.wp.com\/itayachtscanada.com\/wp-content\/uploads\/2025\/11\/Capture-decran-le-2025-11-04-a-15.45.20.jpg?resize=150%2C150&amp;ssl=1 150w, https:\/\/i0.wp.com\/itayachtscanada.com\/wp-content\/uploads\/2025\/11\/Capture-decran-le-2025-11-04-a-15.45.20.jpg?resize=60%2C60&amp;ssl=1 60w, https:\/\/i0.wp.com\/itayachtscanada.com\/wp-content\/uploads\/2025\/11\/Capture-decran-le-2025-11-04-a-15.45.20.jpg?resize=80%2C80&amp;ssl=1 80w, https:\/\/i0.wp.com\/itayachtscanada.com\/wp-content\/uploads\/2025\/11\/Capture-decran-le-2025-11-04-a-15.45.20.jpg?resize=100%2C100&amp;ssl=1 100w, https:\/\/i0.wp.com\/itayachtscanada.com\/wp-content\/uploads\/2025\/11\/Capture-decran-le-2025-11-04-a-15.45.20.jpg?resize=50%2C50&amp;ssl=1 50w, https:\/\/i0.wp.com\/itayachtscanada.com\/wp-content\/uploads\/2025\/11\/Capture-decran-le-2025-11-04-a-15.45.20.jpg?zoom=2&amp;resize=150%2C150&amp;ssl=1 300w, https:\/\/i0.wp.com\/itayachtscanada.com\/wp-content\/uploads\/2025\/11\/Capture-decran-le-2025-11-04-a-15.45.20.jpg?zoom=3&amp;resize=150%2C150&amp;ssl=1 450w\" sizes=\"auto, (max-width: 150px) 100vw, 150px\" data-attachment-id=\"292552\" data-permalink=\"https:\/\/itayachtscanada.com\/fr\/listing\/belize-66-daybridge-2025-3945000-usd-for-sale\/capture-decran-le-2025-11-04-a-15-45-20\/\" data-orig-file=\"https:\/\/i0.wp.com\/itayachtscanada.com\/wp-content\/uploads\/2025\/11\/Capture-decran-le-2025-11-04-a-15.45.20.jpg?fit=1686%2C986&amp;ssl=1\" data-orig-size=\"1686,986\" data-comments-opened=\"1\" data-image-meta=\"{&quot;aperture&quot;:&quot;0&quot;,&quot;credit&quot;:&quot;&quot;,&quot;camera&quot;:&quot;&quot;,&quot;caption&quot;:&quot;&quot;,&quot;created_timestamp&quot;:&quot;0&quot;,&quot;copyright&quot;:&quot;&quot;,&quot;focal_length&quot;:&quot;0&quot;,&quot;iso&quot;:&quot;0&quot;,&quot;shutter_speed&quot;:&quot;0&quot;,&quot;title&quot;:&quot;&quot;,&quot;orientation&quot;:&quot;0&quot;}\" data-image-title=\"Capture d\u2019e\u0301cran, le 2025-11-04 a\u0300 15.45.20\" data-image-description=\"\" data-image-caption=\"\" data-large-file=\"https:\/\/i0.wp.com\/itayachtscanada.com\/wp-content\/uploads\/2025\/11\/Capture-decran-le-2025-11-04-a-15.45.20.jpg?fit=700%2C409&amp;ssl=1\" \/><\/a>\n\t\t\t<\/div><\/figure><figure class='gallery-item'>\n\t\t\t<div class='gallery-icon landscape'>\n\t\t\t\t<a href='https:\/\/itayachtscanada.com\/fr\/listing\/belize-66-daybridge-2025-3945000-usd-for-sale\/capture-decran-le-2025-11-04-a-15-45-02\/'><img loading=\"lazy\" decoding=\"async\" width=\"150\" height=\"150\" src=\"https:\/\/i0.wp.com\/itayachtscanada.com\/wp-content\/uploads\/2025\/11\/Capture-decran-le-2025-11-04-a-15.45.02.jpg?resize=150%2C150&amp;ssl=1\" class=\"attachment-thumbnail size-thumbnail\" alt=\"\" srcset=\"https:\/\/i0.wp.com\/itayachtscanada.com\/wp-content\/uploads\/2025\/11\/Capture-decran-le-2025-11-04-a-15.45.02.jpg?resize=150%2C150&amp;ssl=1 150w, https:\/\/i0.wp.com\/itayachtscanada.com\/wp-content\/uploads\/2025\/11\/Capture-decran-le-2025-11-04-a-15.45.02.jpg?resize=60%2C60&amp;ssl=1 60w, https:\/\/i0.wp.com\/itayachtscanada.com\/wp-content\/uploads\/2025\/11\/Capture-decran-le-2025-11-04-a-15.45.02.jpg?resize=80%2C80&amp;ssl=1 80w, https:\/\/i0.wp.com\/itayachtscanada.com\/wp-content\/uploads\/2025\/11\/Capture-decran-le-2025-11-04-a-15.45.02.jpg?resize=100%2C100&amp;ssl=1 100w, https:\/\/i0.wp.com\/itayachtscanada.com\/wp-content\/uploads\/2025\/11\/Capture-decran-le-2025-11-04-a-15.45.02.jpg?resize=50%2C50&amp;ssl=1 50w, https:\/\/i0.wp.com\/itayachtscanada.com\/wp-content\/uploads\/2025\/11\/Capture-decran-le-2025-11-04-a-15.45.02.jpg?zoom=2&amp;resize=150%2C150&amp;ssl=1 300w, https:\/\/i0.wp.com\/itayachtscanada.com\/wp-content\/uploads\/2025\/11\/Capture-decran-le-2025-11-04-a-15.45.02.jpg?zoom=3&amp;resize=150%2C150&amp;ssl=1 450w\" sizes=\"auto, (max-width: 150px) 100vw, 150px\" data-attachment-id=\"292554\" data-permalink=\"https:\/\/itayachtscanada.com\/fr\/listing\/belize-66-daybridge-2025-3945000-usd-for-sale\/capture-decran-le-2025-11-04-a-15-45-02\/\" data-orig-file=\"https:\/\/i0.wp.com\/itayachtscanada.com\/wp-content\/uploads\/2025\/11\/Capture-decran-le-2025-11-04-a-15.45.02.jpg?fit=1378%2C986&amp;ssl=1\" data-orig-size=\"1378,986\" data-comments-opened=\"1\" data-image-meta=\"{&quot;aperture&quot;:&quot;0&quot;,&quot;credit&quot;:&quot;&quot;,&quot;camera&quot;:&quot;&quot;,&quot;caption&quot;:&quot;&quot;,&quot;created_timestamp&quot;:&quot;0&quot;,&quot;copyright&quot;:&quot;&quot;,&quot;focal_length&quot;:&quot;0&quot;,&quot;iso&quot;:&quot;0&quot;,&quot;shutter_speed&quot;:&quot;0&quot;,&quot;title&quot;:&quot;&quot;,&quot;orientation&quot;:&quot;0&quot;}\" data-image-title=\"Capture d\u2019e\u0301cran, le 2025-11-04 a\u0300 15.45.02\" data-image-description=\"\" data-image-caption=\"\" data-large-file=\"https:\/\/i0.wp.com\/itayachtscanada.com\/wp-content\/uploads\/2025\/11\/Capture-decran-le-2025-11-04-a-15.45.02.jpg?fit=700%2C501&amp;ssl=1\" \/><\/a>\n\t\t\t<\/div><\/figure><figure class='gallery-item'>\n\t\t\t<div class='gallery-icon landscape'>\n\t\t\t\t<a href='https:\/\/itayachtscanada.com\/fr\/listing\/belize-66-daybridge-2025-3945000-usd-for-sale\/capture-decran-le-2025-11-04-a-15-44-54\/'><img loading=\"lazy\" decoding=\"async\" width=\"150\" height=\"150\" src=\"https:\/\/i0.wp.com\/itayachtscanada.com\/wp-content\/uploads\/2025\/11\/Capture-decran-le-2025-11-04-a-15.44.54.jpg?resize=150%2C150&amp;ssl=1\" class=\"attachment-thumbnail size-thumbnail\" alt=\"\" srcset=\"https:\/\/i0.wp.com\/itayachtscanada.com\/wp-content\/uploads\/2025\/11\/Capture-decran-le-2025-11-04-a-15.44.54.jpg?resize=150%2C150&amp;ssl=1 150w, https:\/\/i0.wp.com\/itayachtscanada.com\/wp-content\/uploads\/2025\/11\/Capture-decran-le-2025-11-04-a-15.44.54.jpg?resize=60%2C60&amp;ssl=1 60w, https:\/\/i0.wp.com\/itayachtscanada.com\/wp-content\/uploads\/2025\/11\/Capture-decran-le-2025-11-04-a-15.44.54.jpg?resize=80%2C80&amp;ssl=1 80w, https:\/\/i0.wp.com\/itayachtscanada.com\/wp-content\/uploads\/2025\/11\/Capture-decran-le-2025-11-04-a-15.44.54.jpg?resize=100%2C100&amp;ssl=1 100w, https:\/\/i0.wp.com\/itayachtscanada.com\/wp-content\/uploads\/2025\/11\/Capture-decran-le-2025-11-04-a-15.44.54.jpg?resize=50%2C50&amp;ssl=1 50w, https:\/\/i0.wp.com\/itayachtscanada.com\/wp-content\/uploads\/2025\/11\/Capture-decran-le-2025-11-04-a-15.44.54.jpg?zoom=2&amp;resize=150%2C150&amp;ssl=1 300w, https:\/\/i0.wp.com\/itayachtscanada.com\/wp-content\/uploads\/2025\/11\/Capture-decran-le-2025-11-04-a-15.44.54.jpg?zoom=3&amp;resize=150%2C150&amp;ssl=1 450w\" sizes=\"auto, (max-width: 150px) 100vw, 150px\" data-attachment-id=\"292555\" data-permalink=\"https:\/\/itayachtscanada.com\/fr\/listing\/belize-66-daybridge-2025-3945000-usd-for-sale\/capture-decran-le-2025-11-04-a-15-44-54\/\" data-orig-file=\"https:\/\/i0.wp.com\/itayachtscanada.com\/wp-content\/uploads\/2025\/11\/Capture-decran-le-2025-11-04-a-15.44.54.jpg?fit=1576%2C986&amp;ssl=1\" data-orig-size=\"1576,986\" data-comments-opened=\"1\" data-image-meta=\"{&quot;aperture&quot;:&quot;0&quot;,&quot;credit&quot;:&quot;&quot;,&quot;camera&quot;:&quot;&quot;,&quot;caption&quot;:&quot;&quot;,&quot;created_timestamp&quot;:&quot;0&quot;,&quot;copyright&quot;:&quot;&quot;,&quot;focal_length&quot;:&quot;0&quot;,&quot;iso&quot;:&quot;0&quot;,&quot;shutter_speed&quot;:&quot;0&quot;,&quot;title&quot;:&quot;&quot;,&quot;orientation&quot;:&quot;0&quot;}\" data-image-title=\"Capture d\u2019e\u0301cran, le 2025-11-04 a\u0300 15.44.54\" data-image-description=\"\" data-image-caption=\"\" data-large-file=\"https:\/\/i0.wp.com\/itayachtscanada.com\/wp-content\/uploads\/2025\/11\/Capture-decran-le-2025-11-04-a-15.44.54.jpg?fit=700%2C438&amp;ssl=1\" \/><\/a>\n\t\t\t<\/div><\/figure><figure class='gallery-item'>\n\t\t\t<div class='gallery-icon landscape'>\n\t\t\t\t<a href='https:\/\/itayachtscanada.com\/fr\/listing\/belize-66-daybridge-2025-3945000-usd-for-sale\/capture-decran-le-2025-11-04-a-15-46-24\/'><img loading=\"lazy\" decoding=\"async\" width=\"150\" height=\"150\" src=\"https:\/\/i0.wp.com\/itayachtscanada.com\/wp-content\/uploads\/2025\/11\/Capture-decran-le-2025-11-04-a-15.46.24.jpg?resize=150%2C150&amp;ssl=1\" class=\"attachment-thumbnail size-thumbnail\" alt=\"\" srcset=\"https:\/\/i0.wp.com\/itayachtscanada.com\/wp-content\/uploads\/2025\/11\/Capture-decran-le-2025-11-04-a-15.46.24.jpg?resize=150%2C150&amp;ssl=1 150w, https:\/\/i0.wp.com\/itayachtscanada.com\/wp-content\/uploads\/2025\/11\/Capture-decran-le-2025-11-04-a-15.46.24.jpg?resize=60%2C60&amp;ssl=1 60w, https:\/\/i0.wp.com\/itayachtscanada.com\/wp-content\/uploads\/2025\/11\/Capture-decran-le-2025-11-04-a-15.46.24.jpg?resize=80%2C80&amp;ssl=1 80w, https:\/\/i0.wp.com\/itayachtscanada.com\/wp-content\/uploads\/2025\/11\/Capture-decran-le-2025-11-04-a-15.46.24.jpg?resize=100%2C100&amp;ssl=1 100w, https:\/\/i0.wp.com\/itayachtscanada.com\/wp-content\/uploads\/2025\/11\/Capture-decran-le-2025-11-04-a-15.46.24.jpg?resize=50%2C50&amp;ssl=1 50w, https:\/\/i0.wp.com\/itayachtscanada.com\/wp-content\/uploads\/2025\/11\/Capture-decran-le-2025-11-04-a-15.46.24.jpg?zoom=2&amp;resize=150%2C150&amp;ssl=1 300w, https:\/\/i0.wp.com\/itayachtscanada.com\/wp-content\/uploads\/2025\/11\/Capture-decran-le-2025-11-04-a-15.46.24.jpg?zoom=3&amp;resize=150%2C150&amp;ssl=1 450w\" sizes=\"auto, (max-width: 150px) 100vw, 150px\" data-attachment-id=\"292544\" data-permalink=\"https:\/\/itayachtscanada.com\/fr\/listing\/belize-66-daybridge-2025-3945000-usd-for-sale\/capture-decran-le-2025-11-04-a-15-46-24\/\" data-orig-file=\"https:\/\/i0.wp.com\/itayachtscanada.com\/wp-content\/uploads\/2025\/11\/Capture-decran-le-2025-11-04-a-15.46.24.jpg?fit=1316%2C986&amp;ssl=1\" data-orig-size=\"1316,986\" data-comments-opened=\"1\" data-image-meta=\"{&quot;aperture&quot;:&quot;0&quot;,&quot;credit&quot;:&quot;&quot;,&quot;camera&quot;:&quot;&quot;,&quot;caption&quot;:&quot;&quot;,&quot;created_timestamp&quot;:&quot;0&quot;,&quot;copyright&quot;:&quot;&quot;,&quot;focal_length&quot;:&quot;0&quot;,&quot;iso&quot;:&quot;0&quot;,&quot;shutter_speed&quot;:&quot;0&quot;,&quot;title&quot;:&quot;&quot;,&quot;orientation&quot;:&quot;0&quot;}\" data-image-title=\"Capture d\u2019e\u0301cran, le 2025-11-04 a\u0300 15.46.24\" data-image-description=\"\" data-image-caption=\"\" data-large-file=\"https:\/\/i0.wp.com\/itayachtscanada.com\/wp-content\/uploads\/2025\/11\/Capture-decran-le-2025-11-04-a-15.46.24.jpg?fit=700%2C524&amp;ssl=1\" \/><\/a>\n\t\t\t<\/div><\/figure><figure class='gallery-item'>\n\t\t\t<div class='gallery-icon landscape'>\n\t\t\t\t<a href='https:\/\/itayachtscanada.com\/fr\/listing\/belize-66-daybridge-2025-3945000-usd-for-sale\/capture-decran-le-2025-11-04-a-15-46-15\/'><img loading=\"lazy\" decoding=\"async\" width=\"150\" height=\"150\" src=\"https:\/\/i0.wp.com\/itayachtscanada.com\/wp-content\/uploads\/2025\/11\/Capture-decran-le-2025-11-04-a-15.46.15.jpg?resize=150%2C150&amp;ssl=1\" class=\"attachment-thumbnail size-thumbnail\" alt=\"\" srcset=\"https:\/\/i0.wp.com\/itayachtscanada.com\/wp-content\/uploads\/2025\/11\/Capture-decran-le-2025-11-04-a-15.46.15.jpg?resize=150%2C150&amp;ssl=1 150w, https:\/\/i0.wp.com\/itayachtscanada.com\/wp-content\/uploads\/2025\/11\/Capture-decran-le-2025-11-04-a-15.46.15.jpg?resize=60%2C60&amp;ssl=1 60w, https:\/\/i0.wp.com\/itayachtscanada.com\/wp-content\/uploads\/2025\/11\/Capture-decran-le-2025-11-04-a-15.46.15.jpg?resize=80%2C80&amp;ssl=1 80w, https:\/\/i0.wp.com\/itayachtscanada.com\/wp-content\/uploads\/2025\/11\/Capture-decran-le-2025-11-04-a-15.46.15.jpg?resize=100%2C100&amp;ssl=1 100w, https:\/\/i0.wp.com\/itayachtscanada.com\/wp-content\/uploads\/2025\/11\/Capture-decran-le-2025-11-04-a-15.46.15.jpg?resize=50%2C50&amp;ssl=1 50w, https:\/\/i0.wp.com\/itayachtscanada.com\/wp-content\/uploads\/2025\/11\/Capture-decran-le-2025-11-04-a-15.46.15.jpg?zoom=2&amp;resize=150%2C150&amp;ssl=1 300w, https:\/\/i0.wp.com\/itayachtscanada.com\/wp-content\/uploads\/2025\/11\/Capture-decran-le-2025-11-04-a-15.46.15.jpg?zoom=3&amp;resize=150%2C150&amp;ssl=1 450w\" sizes=\"auto, (max-width: 150px) 100vw, 150px\" data-attachment-id=\"292546\" data-permalink=\"https:\/\/itayachtscanada.com\/fr\/listing\/belize-66-daybridge-2025-3945000-usd-for-sale\/capture-decran-le-2025-11-04-a-15-46-15\/\" data-orig-file=\"https:\/\/i0.wp.com\/itayachtscanada.com\/wp-content\/uploads\/2025\/11\/Capture-decran-le-2025-11-04-a-15.46.15.jpg?fit=1316%2C986&amp;ssl=1\" data-orig-size=\"1316,986\" data-comments-opened=\"1\" data-image-meta=\"{&quot;aperture&quot;:&quot;0&quot;,&quot;credit&quot;:&quot;&quot;,&quot;camera&quot;:&quot;&quot;,&quot;caption&quot;:&quot;&quot;,&quot;created_timestamp&quot;:&quot;0&quot;,&quot;copyright&quot;:&quot;&quot;,&quot;focal_length&quot;:&quot;0&quot;,&quot;iso&quot;:&quot;0&quot;,&quot;shutter_speed&quot;:&quot;0&quot;,&quot;title&quot;:&quot;&quot;,&quot;orientation&quot;:&quot;0&quot;}\" data-image-title=\"Capture d\u2019e\u0301cran, le 2025-11-04 a\u0300 15.46.15\" data-image-description=\"\" data-image-caption=\"\" data-large-file=\"https:\/\/i0.wp.com\/itayachtscanada.com\/wp-content\/uploads\/2025\/11\/Capture-decran-le-2025-11-04-a-15.46.15.jpg?fit=700%2C524&amp;ssl=1\" \/><\/a>\n\t\t\t<\/div><\/figure><figure class='gallery-item'>\n\t\t\t<div class='gallery-icon landscape'>\n\t\t\t\t<a href='https:\/\/itayachtscanada.com\/fr\/listing\/belize-66-daybridge-2025-3945000-usd-for-sale\/capture-decran-le-2025-11-04-a-15-45-52\/'><img loading=\"lazy\" decoding=\"async\" width=\"150\" height=\"150\" src=\"https:\/\/i0.wp.com\/itayachtscanada.com\/wp-content\/uploads\/2025\/11\/Capture-decran-le-2025-11-04-a-15.45.52.jpg?resize=150%2C150&amp;ssl=1\" class=\"attachment-thumbnail size-thumbnail\" alt=\"\" srcset=\"https:\/\/i0.wp.com\/itayachtscanada.com\/wp-content\/uploads\/2025\/11\/Capture-decran-le-2025-11-04-a-15.45.52.jpg?resize=150%2C150&amp;ssl=1 150w, https:\/\/i0.wp.com\/itayachtscanada.com\/wp-content\/uploads\/2025\/11\/Capture-decran-le-2025-11-04-a-15.45.52.jpg?resize=60%2C60&amp;ssl=1 60w, https:\/\/i0.wp.com\/itayachtscanada.com\/wp-content\/uploads\/2025\/11\/Capture-decran-le-2025-11-04-a-15.45.52.jpg?resize=80%2C80&amp;ssl=1 80w, https:\/\/i0.wp.com\/itayachtscanada.com\/wp-content\/uploads\/2025\/11\/Capture-decran-le-2025-11-04-a-15.45.52.jpg?resize=100%2C100&amp;ssl=1 100w, https:\/\/i0.wp.com\/itayachtscanada.com\/wp-content\/uploads\/2025\/11\/Capture-decran-le-2025-11-04-a-15.45.52.jpg?resize=50%2C50&amp;ssl=1 50w, https:\/\/i0.wp.com\/itayachtscanada.com\/wp-content\/uploads\/2025\/11\/Capture-decran-le-2025-11-04-a-15.45.52.jpg?zoom=2&amp;resize=150%2C150&amp;ssl=1 300w, https:\/\/i0.wp.com\/itayachtscanada.com\/wp-content\/uploads\/2025\/11\/Capture-decran-le-2025-11-04-a-15.45.52.jpg?zoom=3&amp;resize=150%2C150&amp;ssl=1 450w\" sizes=\"auto, (max-width: 150px) 100vw, 150px\" data-attachment-id=\"292548\" data-permalink=\"https:\/\/itayachtscanada.com\/fr\/listing\/belize-66-daybridge-2025-3945000-usd-for-sale\/capture-decran-le-2025-11-04-a-15-45-52\/\" data-orig-file=\"https:\/\/i0.wp.com\/itayachtscanada.com\/wp-content\/uploads\/2025\/11\/Capture-decran-le-2025-11-04-a-15.45.52.jpg?fit=1316%2C986&amp;ssl=1\" data-orig-size=\"1316,986\" data-comments-opened=\"1\" data-image-meta=\"{&quot;aperture&quot;:&quot;0&quot;,&quot;credit&quot;:&quot;&quot;,&quot;camera&quot;:&quot;&quot;,&quot;caption&quot;:&quot;&quot;,&quot;created_timestamp&quot;:&quot;0&quot;,&quot;copyright&quot;:&quot;&quot;,&quot;focal_length&quot;:&quot;0&quot;,&quot;iso&quot;:&quot;0&quot;,&quot;shutter_speed&quot;:&quot;0&quot;,&quot;title&quot;:&quot;&quot;,&quot;orientation&quot;:&quot;0&quot;}\" data-image-title=\"Capture d\u2019e\u0301cran, le 2025-11-04 a\u0300 15.45.52\" data-image-description=\"\" data-image-caption=\"\" data-large-file=\"https:\/\/i0.wp.com\/itayachtscanada.com\/wp-content\/uploads\/2025\/11\/Capture-decran-le-2025-11-04-a-15.45.52.jpg?fit=700%2C524&amp;ssl=1\" \/><\/a>\n\t\t\t<\/div><\/figure><figure class='gallery-item'>\n\t\t\t<div class='gallery-icon portrait'>\n\t\t\t\t<a href='https:\/\/itayachtscanada.com\/fr\/listing\/belize-66-daybridge-2025-3945000-usd-for-sale\/capture-decran-le-2025-11-04-a-15-45-40\/'><img loading=\"lazy\" decoding=\"async\" width=\"150\" height=\"150\" src=\"https:\/\/i0.wp.com\/itayachtscanada.com\/wp-content\/uploads\/2025\/11\/Capture-decran-le-2025-11-04-a-15.45.40.jpg?resize=150%2C150&amp;ssl=1\" class=\"attachment-thumbnail size-thumbnail\" alt=\"\" srcset=\"https:\/\/i0.wp.com\/itayachtscanada.com\/wp-content\/uploads\/2025\/11\/Capture-decran-le-2025-11-04-a-15.45.40.jpg?resize=150%2C150&amp;ssl=1 150w, https:\/\/i0.wp.com\/itayachtscanada.com\/wp-content\/uploads\/2025\/11\/Capture-decran-le-2025-11-04-a-15.45.40.jpg?resize=60%2C60&amp;ssl=1 60w, https:\/\/i0.wp.com\/itayachtscanada.com\/wp-content\/uploads\/2025\/11\/Capture-decran-le-2025-11-04-a-15.45.40.jpg?resize=80%2C80&amp;ssl=1 80w, https:\/\/i0.wp.com\/itayachtscanada.com\/wp-content\/uploads\/2025\/11\/Capture-decran-le-2025-11-04-a-15.45.40.jpg?resize=100%2C100&amp;ssl=1 100w, https:\/\/i0.wp.com\/itayachtscanada.com\/wp-content\/uploads\/2025\/11\/Capture-decran-le-2025-11-04-a-15.45.40.jpg?resize=50%2C50&amp;ssl=1 50w, https:\/\/i0.wp.com\/itayachtscanada.com\/wp-content\/uploads\/2025\/11\/Capture-decran-le-2025-11-04-a-15.45.40.jpg?zoom=2&amp;resize=150%2C150&amp;ssl=1 300w, https:\/\/i0.wp.com\/itayachtscanada.com\/wp-content\/uploads\/2025\/11\/Capture-decran-le-2025-11-04-a-15.45.40.jpg?zoom=3&amp;resize=150%2C150&amp;ssl=1 450w\" sizes=\"auto, (max-width: 150px) 100vw, 150px\" data-attachment-id=\"292549\" data-permalink=\"https:\/\/itayachtscanada.com\/fr\/listing\/belize-66-daybridge-2025-3945000-usd-for-sale\/capture-decran-le-2025-11-04-a-15-45-40\/\" data-orig-file=\"https:\/\/i0.wp.com\/itayachtscanada.com\/wp-content\/uploads\/2025\/11\/Capture-decran-le-2025-11-04-a-15.45.40.jpg?fit=864%2C986&amp;ssl=1\" data-orig-size=\"864,986\" data-comments-opened=\"1\" data-image-meta=\"{&quot;aperture&quot;:&quot;0&quot;,&quot;credit&quot;:&quot;&quot;,&quot;camera&quot;:&quot;&quot;,&quot;caption&quot;:&quot;&quot;,&quot;created_timestamp&quot;:&quot;0&quot;,&quot;copyright&quot;:&quot;&quot;,&quot;focal_length&quot;:&quot;0&quot;,&quot;iso&quot;:&quot;0&quot;,&quot;shutter_speed&quot;:&quot;0&quot;,&quot;title&quot;:&quot;&quot;,&quot;orientation&quot;:&quot;0&quot;}\" data-image-title=\"Capture d\u2019e\u0301cran, le 2025-11-04 a\u0300 15.45.40\" data-image-description=\"\" data-image-caption=\"\" data-large-file=\"https:\/\/i0.wp.com\/itayachtscanada.com\/wp-content\/uploads\/2025\/11\/Capture-decran-le-2025-11-04-a-15.45.40.jpg?fit=700%2C799&amp;ssl=1\" \/><\/a>\n\t\t\t<\/div><\/figure><figure class='gallery-item'>\n\t\t\t<div class='gallery-icon landscape'>\n\t\t\t\t<a href='https:\/\/itayachtscanada.com\/fr\/listing\/belize-66-daybridge-2025-3945000-usd-for-sale\/capture-decran-le-2025-11-04-a-15-45-36\/'><img loading=\"lazy\" decoding=\"async\" width=\"150\" height=\"150\" src=\"https:\/\/i0.wp.com\/itayachtscanada.com\/wp-content\/uploads\/2025\/11\/Capture-decran-le-2025-11-04-a-15.45.36.jpg?resize=150%2C150&amp;ssl=1\" class=\"attachment-thumbnail size-thumbnail\" alt=\"\" srcset=\"https:\/\/i0.wp.com\/itayachtscanada.com\/wp-content\/uploads\/2025\/11\/Capture-decran-le-2025-11-04-a-15.45.36.jpg?resize=150%2C150&amp;ssl=1 150w, https:\/\/i0.wp.com\/itayachtscanada.com\/wp-content\/uploads\/2025\/11\/Capture-decran-le-2025-11-04-a-15.45.36.jpg?resize=60%2C60&amp;ssl=1 60w, https:\/\/i0.wp.com\/itayachtscanada.com\/wp-content\/uploads\/2025\/11\/Capture-decran-le-2025-11-04-a-15.45.36.jpg?resize=80%2C80&amp;ssl=1 80w, https:\/\/i0.wp.com\/itayachtscanada.com\/wp-content\/uploads\/2025\/11\/Capture-decran-le-2025-11-04-a-15.45.36.jpg?resize=100%2C100&amp;ssl=1 100w, https:\/\/i0.wp.com\/itayachtscanada.com\/wp-content\/uploads\/2025\/11\/Capture-decran-le-2025-11-04-a-15.45.36.jpg?resize=50%2C50&amp;ssl=1 50w, https:\/\/i0.wp.com\/itayachtscanada.com\/wp-content\/uploads\/2025\/11\/Capture-decran-le-2025-11-04-a-15.45.36.jpg?zoom=2&amp;resize=150%2C150&amp;ssl=1 300w, https:\/\/i0.wp.com\/itayachtscanada.com\/wp-content\/uploads\/2025\/11\/Capture-decran-le-2025-11-04-a-15.45.36.jpg?zoom=3&amp;resize=150%2C150&amp;ssl=1 450w\" sizes=\"auto, (max-width: 150px) 100vw, 150px\" data-attachment-id=\"292550\" data-permalink=\"https:\/\/itayachtscanada.com\/fr\/listing\/belize-66-daybridge-2025-3945000-usd-for-sale\/capture-decran-le-2025-11-04-a-15-45-36\/\" data-orig-file=\"https:\/\/i0.wp.com\/itayachtscanada.com\/wp-content\/uploads\/2025\/11\/Capture-decran-le-2025-11-04-a-15.45.36.jpg?fit=1312%2C986&amp;ssl=1\" data-orig-size=\"1312,986\" data-comments-opened=\"1\" data-image-meta=\"{&quot;aperture&quot;:&quot;0&quot;,&quot;credit&quot;:&quot;&quot;,&quot;camera&quot;:&quot;&quot;,&quot;caption&quot;:&quot;&quot;,&quot;created_timestamp&quot;:&quot;0&quot;,&quot;copyright&quot;:&quot;&quot;,&quot;focal_length&quot;:&quot;0&quot;,&quot;iso&quot;:&quot;0&quot;,&quot;shutter_speed&quot;:&quot;0&quot;,&quot;title&quot;:&quot;&quot;,&quot;orientation&quot;:&quot;0&quot;}\" data-image-title=\"Capture d\u2019e\u0301cran, le 2025-11-04 a\u0300 15.45.36\" data-image-description=\"\" data-image-caption=\"\" data-large-file=\"https:\/\/i0.wp.com\/itayachtscanada.com\/wp-content\/uploads\/2025\/11\/Capture-decran-le-2025-11-04-a-15.45.36.jpg?fit=700%2C526&amp;ssl=1\" \/><\/a>\n\t\t\t<\/div><\/figure><figure class='gallery-item'>\n\t\t\t<div class='gallery-icon landscape'>\n\t\t\t\t<a href='https:\/\/itayachtscanada.com\/fr\/listing\/belize-66-daybridge-2025-3945000-usd-for-sale\/capture-decran-le-2025-11-04-a-15-45-26\/'><img loading=\"lazy\" decoding=\"async\" width=\"150\" height=\"150\" src=\"https:\/\/i0.wp.com\/itayachtscanada.com\/wp-content\/uploads\/2025\/11\/Capture-decran-le-2025-11-04-a-15.45.26.jpg?resize=150%2C150&amp;ssl=1\" class=\"attachment-thumbnail size-thumbnail\" alt=\"\" srcset=\"https:\/\/i0.wp.com\/itayachtscanada.com\/wp-content\/uploads\/2025\/11\/Capture-decran-le-2025-11-04-a-15.45.26.jpg?resize=150%2C150&amp;ssl=1 150w, https:\/\/i0.wp.com\/itayachtscanada.com\/wp-content\/uploads\/2025\/11\/Capture-decran-le-2025-11-04-a-15.45.26.jpg?resize=60%2C60&amp;ssl=1 60w, https:\/\/i0.wp.com\/itayachtscanada.com\/wp-content\/uploads\/2025\/11\/Capture-decran-le-2025-11-04-a-15.45.26.jpg?resize=80%2C80&amp;ssl=1 80w, https:\/\/i0.wp.com\/itayachtscanada.com\/wp-content\/uploads\/2025\/11\/Capture-decran-le-2025-11-04-a-15.45.26.jpg?resize=100%2C100&amp;ssl=1 100w, https:\/\/i0.wp.com\/itayachtscanada.com\/wp-content\/uploads\/2025\/11\/Capture-decran-le-2025-11-04-a-15.45.26.jpg?resize=50%2C50&amp;ssl=1 50w, https:\/\/i0.wp.com\/itayachtscanada.com\/wp-content\/uploads\/2025\/11\/Capture-decran-le-2025-11-04-a-15.45.26.jpg?zoom=2&amp;resize=150%2C150&amp;ssl=1 300w, https:\/\/i0.wp.com\/itayachtscanada.com\/wp-content\/uploads\/2025\/11\/Capture-decran-le-2025-11-04-a-15.45.26.jpg?zoom=3&amp;resize=150%2C150&amp;ssl=1 450w\" sizes=\"auto, (max-width: 150px) 100vw, 150px\" data-attachment-id=\"292551\" data-permalink=\"https:\/\/itayachtscanada.com\/fr\/listing\/belize-66-daybridge-2025-3945000-usd-for-sale\/capture-decran-le-2025-11-04-a-15-45-26\/\" data-orig-file=\"https:\/\/i0.wp.com\/itayachtscanada.com\/wp-content\/uploads\/2025\/11\/Capture-decran-le-2025-11-04-a-15.45.26.jpg?fit=1312%2C986&amp;ssl=1\" data-orig-size=\"1312,986\" data-comments-opened=\"1\" data-image-meta=\"{&quot;aperture&quot;:&quot;0&quot;,&quot;credit&quot;:&quot;&quot;,&quot;camera&quot;:&quot;&quot;,&quot;caption&quot;:&quot;&quot;,&quot;created_timestamp&quot;:&quot;0&quot;,&quot;copyright&quot;:&quot;&quot;,&quot;focal_length&quot;:&quot;0&quot;,&quot;iso&quot;:&quot;0&quot;,&quot;shutter_speed&quot;:&quot;0&quot;,&quot;title&quot;:&quot;&quot;,&quot;orientation&quot;:&quot;0&quot;}\" data-image-title=\"Capture d\u2019e\u0301cran, le 2025-11-04 a\u0300 15.45.26\" data-image-description=\"\" data-image-caption=\"\" data-large-file=\"https:\/\/i0.wp.com\/itayachtscanada.com\/wp-content\/uploads\/2025\/11\/Capture-decran-le-2025-11-04-a-15.45.26.jpg?fit=700%2C526&amp;ssl=1\" \/><\/a>\n\t\t\t<\/div><\/figure><figure class='gallery-item'>\n\t\t\t<div class='gallery-icon landscape'>\n\t\t\t\t<a href='https:\/\/itayachtscanada.com\/fr\/listing\/belize-66-daybridge-2025-3945000-usd-for-sale\/capture-decran-le-2025-11-04-a-15-44-49\/'><img loading=\"lazy\" decoding=\"async\" width=\"150\" height=\"150\" src=\"https:\/\/i0.wp.com\/itayachtscanada.com\/wp-content\/uploads\/2025\/11\/Capture-decran-le-2025-11-04-a-15.44.49.jpg?resize=150%2C150&amp;ssl=1\" class=\"attachment-thumbnail size-thumbnail\" alt=\"\" srcset=\"https:\/\/i0.wp.com\/itayachtscanada.com\/wp-content\/uploads\/2025\/11\/Capture-decran-le-2025-11-04-a-15.44.49.jpg?resize=150%2C150&amp;ssl=1 150w, https:\/\/i0.wp.com\/itayachtscanada.com\/wp-content\/uploads\/2025\/11\/Capture-decran-le-2025-11-04-a-15.44.49.jpg?resize=60%2C60&amp;ssl=1 60w, https:\/\/i0.wp.com\/itayachtscanada.com\/wp-content\/uploads\/2025\/11\/Capture-decran-le-2025-11-04-a-15.44.49.jpg?resize=80%2C80&amp;ssl=1 80w, https:\/\/i0.wp.com\/itayachtscanada.com\/wp-content\/uploads\/2025\/11\/Capture-decran-le-2025-11-04-a-15.44.49.jpg?resize=100%2C100&amp;ssl=1 100w, https:\/\/i0.wp.com\/itayachtscanada.com\/wp-content\/uploads\/2025\/11\/Capture-decran-le-2025-11-04-a-15.44.49.jpg?resize=50%2C50&amp;ssl=1 50w, https:\/\/i0.wp.com\/itayachtscanada.com\/wp-content\/uploads\/2025\/11\/Capture-decran-le-2025-11-04-a-15.44.49.jpg?zoom=2&amp;resize=150%2C150&amp;ssl=1 300w, https:\/\/i0.wp.com\/itayachtscanada.com\/wp-content\/uploads\/2025\/11\/Capture-decran-le-2025-11-04-a-15.44.49.jpg?zoom=3&amp;resize=150%2C150&amp;ssl=1 450w\" sizes=\"auto, (max-width: 150px) 100vw, 150px\" data-attachment-id=\"292556\" data-permalink=\"https:\/\/itayachtscanada.com\/fr\/listing\/belize-66-daybridge-2025-3945000-usd-for-sale\/capture-decran-le-2025-11-04-a-15-44-49\/\" data-orig-file=\"https:\/\/i0.wp.com\/itayachtscanada.com\/wp-content\/uploads\/2025\/11\/Capture-decran-le-2025-11-04-a-15.44.49.jpg?fit=1312%2C986&amp;ssl=1\" data-orig-size=\"1312,986\" data-comments-opened=\"1\" data-image-meta=\"{&quot;aperture&quot;:&quot;0&quot;,&quot;credit&quot;:&quot;&quot;,&quot;camera&quot;:&quot;&quot;,&quot;caption&quot;:&quot;&quot;,&quot;created_timestamp&quot;:&quot;0&quot;,&quot;copyright&quot;:&quot;&quot;,&quot;focal_length&quot;:&quot;0&quot;,&quot;iso&quot;:&quot;0&quot;,&quot;shutter_speed&quot;:&quot;0&quot;,&quot;title&quot;:&quot;&quot;,&quot;orientation&quot;:&quot;0&quot;}\" data-image-title=\"Capture d\u2019e\u0301cran, le 2025-11-04 a\u0300 15.44.49\" data-image-description=\"\" data-image-caption=\"\" data-large-file=\"https:\/\/i0.wp.com\/itayachtscanada.com\/wp-content\/uploads\/2025\/11\/Capture-decran-le-2025-11-04-a-15.44.49.jpg?fit=700%2C526&amp;ssl=1\" \/><\/a>\n\t\t\t<\/div><\/figure><figure class='gallery-item'>\n\t\t\t<div class='gallery-icon landscape'>\n\t\t\t\t<a href='https:\/\/itayachtscanada.com\/fr\/listing\/belize-66-daybridge-2025-3945000-usd-for-sale\/capture-decran-le-2025-11-04-a-15-44-27\/'><img loading=\"lazy\" decoding=\"async\" width=\"150\" height=\"150\" src=\"https:\/\/i0.wp.com\/itayachtscanada.com\/wp-content\/uploads\/2025\/11\/Capture-decran-le-2025-11-04-a-15.44.27.jpg?resize=150%2C150&amp;ssl=1\" class=\"attachment-thumbnail size-thumbnail\" alt=\"\" srcset=\"https:\/\/i0.wp.com\/itayachtscanada.com\/wp-content\/uploads\/2025\/11\/Capture-decran-le-2025-11-04-a-15.44.27.jpg?resize=150%2C150&amp;ssl=1 150w, https:\/\/i0.wp.com\/itayachtscanada.com\/wp-content\/uploads\/2025\/11\/Capture-decran-le-2025-11-04-a-15.44.27.jpg?resize=60%2C60&amp;ssl=1 60w, https:\/\/i0.wp.com\/itayachtscanada.com\/wp-content\/uploads\/2025\/11\/Capture-decran-le-2025-11-04-a-15.44.27.jpg?resize=80%2C80&amp;ssl=1 80w, https:\/\/i0.wp.com\/itayachtscanada.com\/wp-content\/uploads\/2025\/11\/Capture-decran-le-2025-11-04-a-15.44.27.jpg?resize=100%2C100&amp;ssl=1 100w, https:\/\/i0.wp.com\/itayachtscanada.com\/wp-content\/uploads\/2025\/11\/Capture-decran-le-2025-11-04-a-15.44.27.jpg?resize=50%2C50&amp;ssl=1 50w, https:\/\/i0.wp.com\/itayachtscanada.com\/wp-content\/uploads\/2025\/11\/Capture-decran-le-2025-11-04-a-15.44.27.jpg?zoom=2&amp;resize=150%2C150&amp;ssl=1 300w, https:\/\/i0.wp.com\/itayachtscanada.com\/wp-content\/uploads\/2025\/11\/Capture-decran-le-2025-11-04-a-15.44.27.jpg?zoom=3&amp;resize=150%2C150&amp;ssl=1 450w\" sizes=\"auto, (max-width: 150px) 100vw, 150px\" data-attachment-id=\"292559\" data-permalink=\"https:\/\/itayachtscanada.com\/fr\/listing\/belize-66-daybridge-2025-3945000-usd-for-sale\/capture-decran-le-2025-11-04-a-15-44-27\/\" data-orig-file=\"https:\/\/i0.wp.com\/itayachtscanada.com\/wp-content\/uploads\/2025\/11\/Capture-decran-le-2025-11-04-a-15.44.27.jpg?fit=1392%2C986&amp;ssl=1\" data-orig-size=\"1392,986\" data-comments-opened=\"1\" data-image-meta=\"{&quot;aperture&quot;:&quot;0&quot;,&quot;credit&quot;:&quot;&quot;,&quot;camera&quot;:&quot;&quot;,&quot;caption&quot;:&quot;&quot;,&quot;created_timestamp&quot;:&quot;0&quot;,&quot;copyright&quot;:&quot;&quot;,&quot;focal_length&quot;:&quot;0&quot;,&quot;iso&quot;:&quot;0&quot;,&quot;shutter_speed&quot;:&quot;0&quot;,&quot;title&quot;:&quot;&quot;,&quot;orientation&quot;:&quot;0&quot;}\" data-image-title=\"Capture d\u2019e\u0301cran, le 2025-11-04 a\u0300 15.44.27\" data-image-description=\"\" data-image-caption=\"\" data-large-file=\"https:\/\/i0.wp.com\/itayachtscanada.com\/wp-content\/uploads\/2025\/11\/Capture-decran-le-2025-11-04-a-15.44.27.jpg?fit=700%2C496&amp;ssl=1\" \/><\/a>\n\t\t\t<\/div><\/figure><figure class='gallery-item'>\n\t\t\t<div class='gallery-icon landscape'>\n\t\t\t\t<a href='https:\/\/itayachtscanada.com\/fr\/listing\/belize-66-daybridge-2025-3945000-usd-for-sale\/capture-decran-le-2025-11-04-a-15-44-19\/'><img loading=\"lazy\" decoding=\"async\" width=\"150\" height=\"150\" src=\"https:\/\/i0.wp.com\/itayachtscanada.com\/wp-content\/uploads\/2025\/11\/Capture-decran-le-2025-11-04-a-15.44.19.jpg?resize=150%2C150&amp;ssl=1\" class=\"attachment-thumbnail size-thumbnail\" alt=\"\" srcset=\"https:\/\/i0.wp.com\/itayachtscanada.com\/wp-content\/uploads\/2025\/11\/Capture-decran-le-2025-11-04-a-15.44.19.jpg?resize=150%2C150&amp;ssl=1 150w, https:\/\/i0.wp.com\/itayachtscanada.com\/wp-content\/uploads\/2025\/11\/Capture-decran-le-2025-11-04-a-15.44.19.jpg?resize=60%2C60&amp;ssl=1 60w, https:\/\/i0.wp.com\/itayachtscanada.com\/wp-content\/uploads\/2025\/11\/Capture-decran-le-2025-11-04-a-15.44.19.jpg?resize=80%2C80&amp;ssl=1 80w, https:\/\/i0.wp.com\/itayachtscanada.com\/wp-content\/uploads\/2025\/11\/Capture-decran-le-2025-11-04-a-15.44.19.jpg?resize=100%2C100&amp;ssl=1 100w, https:\/\/i0.wp.com\/itayachtscanada.com\/wp-content\/uploads\/2025\/11\/Capture-decran-le-2025-11-04-a-15.44.19.jpg?resize=50%2C50&amp;ssl=1 50w, https:\/\/i0.wp.com\/itayachtscanada.com\/wp-content\/uploads\/2025\/11\/Capture-decran-le-2025-11-04-a-15.44.19.jpg?zoom=2&amp;resize=150%2C150&amp;ssl=1 300w, https:\/\/i0.wp.com\/itayachtscanada.com\/wp-content\/uploads\/2025\/11\/Capture-decran-le-2025-11-04-a-15.44.19.jpg?zoom=3&amp;resize=150%2C150&amp;ssl=1 450w\" sizes=\"auto, (max-width: 150px) 100vw, 150px\" data-attachment-id=\"292560\" data-permalink=\"https:\/\/itayachtscanada.com\/fr\/listing\/belize-66-daybridge-2025-3945000-usd-for-sale\/capture-decran-le-2025-11-04-a-15-44-19\/\" data-orig-file=\"https:\/\/i0.wp.com\/itayachtscanada.com\/wp-content\/uploads\/2025\/11\/Capture-decran-le-2025-11-04-a-15.44.19.jpg?fit=1392%2C986&amp;ssl=1\" data-orig-size=\"1392,986\" data-comments-opened=\"1\" data-image-meta=\"{&quot;aperture&quot;:&quot;0&quot;,&quot;credit&quot;:&quot;&quot;,&quot;camera&quot;:&quot;&quot;,&quot;caption&quot;:&quot;&quot;,&quot;created_timestamp&quot;:&quot;0&quot;,&quot;copyright&quot;:&quot;&quot;,&quot;focal_length&quot;:&quot;0&quot;,&quot;iso&quot;:&quot;0&quot;,&quot;shutter_speed&quot;:&quot;0&quot;,&quot;title&quot;:&quot;&quot;,&quot;orientation&quot;:&quot;0&quot;}\" data-image-title=\"Capture d\u2019e\u0301cran, le 2025-11-04 a\u0300 15.44.19\" data-image-description=\"\" data-image-caption=\"\" data-large-file=\"https:\/\/i0.wp.com\/itayachtscanada.com\/wp-content\/uploads\/2025\/11\/Capture-decran-le-2025-11-04-a-15.44.19.jpg?fit=700%2C496&amp;ssl=1\" \/><\/a>\n\t\t\t<\/div><\/figure><figure class='gallery-item'>\n\t\t\t<div class='gallery-icon landscape'>\n\t\t\t\t<a href='https:\/\/itayachtscanada.com\/fr\/listing\/belize-66-daybridge-2025-3945000-usd-for-sale\/capture-decran-le-2025-11-04-a-15-44-14\/'><img loading=\"lazy\" decoding=\"async\" width=\"150\" height=\"150\" src=\"https:\/\/i0.wp.com\/itayachtscanada.com\/wp-content\/uploads\/2025\/11\/Capture-decran-le-2025-11-04-a-15.44.14.jpg?resize=150%2C150&amp;ssl=1\" class=\"attachment-thumbnail size-thumbnail\" alt=\"\" srcset=\"https:\/\/i0.wp.com\/itayachtscanada.com\/wp-content\/uploads\/2025\/11\/Capture-decran-le-2025-11-04-a-15.44.14.jpg?resize=150%2C150&amp;ssl=1 150w, https:\/\/i0.wp.com\/itayachtscanada.com\/wp-content\/uploads\/2025\/11\/Capture-decran-le-2025-11-04-a-15.44.14.jpg?resize=60%2C60&amp;ssl=1 60w, https:\/\/i0.wp.com\/itayachtscanada.com\/wp-content\/uploads\/2025\/11\/Capture-decran-le-2025-11-04-a-15.44.14.jpg?resize=80%2C80&amp;ssl=1 80w, https:\/\/i0.wp.com\/itayachtscanada.com\/wp-content\/uploads\/2025\/11\/Capture-decran-le-2025-11-04-a-15.44.14.jpg?resize=100%2C100&amp;ssl=1 100w, https:\/\/i0.wp.com\/itayachtscanada.com\/wp-content\/uploads\/2025\/11\/Capture-decran-le-2025-11-04-a-15.44.14.jpg?resize=50%2C50&amp;ssl=1 50w, https:\/\/i0.wp.com\/itayachtscanada.com\/wp-content\/uploads\/2025\/11\/Capture-decran-le-2025-11-04-a-15.44.14.jpg?zoom=2&amp;resize=150%2C150&amp;ssl=1 300w, https:\/\/i0.wp.com\/itayachtscanada.com\/wp-content\/uploads\/2025\/11\/Capture-decran-le-2025-11-04-a-15.44.14.jpg?zoom=3&amp;resize=150%2C150&amp;ssl=1 450w\" sizes=\"auto, (max-width: 150px) 100vw, 150px\" data-attachment-id=\"292561\" data-permalink=\"https:\/\/itayachtscanada.com\/fr\/listing\/belize-66-daybridge-2025-3945000-usd-for-sale\/capture-decran-le-2025-11-04-a-15-44-14\/\" data-orig-file=\"https:\/\/i0.wp.com\/itayachtscanada.com\/wp-content\/uploads\/2025\/11\/Capture-decran-le-2025-11-04-a-15.44.14.jpg?fit=1246%2C986&amp;ssl=1\" data-orig-size=\"1246,986\" data-comments-opened=\"1\" data-image-meta=\"{&quot;aperture&quot;:&quot;0&quot;,&quot;credit&quot;:&quot;&quot;,&quot;camera&quot;:&quot;&quot;,&quot;caption&quot;:&quot;&quot;,&quot;created_timestamp&quot;:&quot;0&quot;,&quot;copyright&quot;:&quot;&quot;,&quot;focal_length&quot;:&quot;0&quot;,&quot;iso&quot;:&quot;0&quot;,&quot;shutter_speed&quot;:&quot;0&quot;,&quot;title&quot;:&quot;&quot;,&quot;orientation&quot;:&quot;0&quot;}\" data-image-title=\"Capture d\u2019e\u0301cran, le 2025-11-04 a\u0300 15.44.14\" data-image-description=\"\" data-image-caption=\"\" data-large-file=\"https:\/\/i0.wp.com\/itayachtscanada.com\/wp-content\/uploads\/2025\/11\/Capture-decran-le-2025-11-04-a-15.44.14.jpg?fit=700%2C554&amp;ssl=1\" \/><\/a>\n\t\t\t<\/div><\/figure><figure class='gallery-item'>\n\t\t\t<div class='gallery-icon landscape'>\n\t\t\t\t<a href='https:\/\/itayachtscanada.com\/fr\/listing\/belize-66-daybridge-2025-3945000-usd-for-sale\/capture-decran-le-2025-11-04-a-15-44-05\/'><img loading=\"lazy\" decoding=\"async\" width=\"150\" height=\"150\" src=\"https:\/\/i0.wp.com\/itayachtscanada.com\/wp-content\/uploads\/2025\/11\/Capture-decran-le-2025-11-04-a-15.44.05.jpg?resize=150%2C150&amp;ssl=1\" class=\"attachment-thumbnail size-thumbnail\" alt=\"\" srcset=\"https:\/\/i0.wp.com\/itayachtscanada.com\/wp-content\/uploads\/2025\/11\/Capture-decran-le-2025-11-04-a-15.44.05.jpg?resize=150%2C150&amp;ssl=1 150w, https:\/\/i0.wp.com\/itayachtscanada.com\/wp-content\/uploads\/2025\/11\/Capture-decran-le-2025-11-04-a-15.44.05.jpg?resize=60%2C60&amp;ssl=1 60w, https:\/\/i0.wp.com\/itayachtscanada.com\/wp-content\/uploads\/2025\/11\/Capture-decran-le-2025-11-04-a-15.44.05.jpg?resize=80%2C80&amp;ssl=1 80w, https:\/\/i0.wp.com\/itayachtscanada.com\/wp-content\/uploads\/2025\/11\/Capture-decran-le-2025-11-04-a-15.44.05.jpg?resize=100%2C100&amp;ssl=1 100w, https:\/\/i0.wp.com\/itayachtscanada.com\/wp-content\/uploads\/2025\/11\/Capture-decran-le-2025-11-04-a-15.44.05.jpg?resize=50%2C50&amp;ssl=1 50w, https:\/\/i0.wp.com\/itayachtscanada.com\/wp-content\/uploads\/2025\/11\/Capture-decran-le-2025-11-04-a-15.44.05.jpg?zoom=2&amp;resize=150%2C150&amp;ssl=1 300w, https:\/\/i0.wp.com\/itayachtscanada.com\/wp-content\/uploads\/2025\/11\/Capture-decran-le-2025-11-04-a-15.44.05.jpg?zoom=3&amp;resize=150%2C150&amp;ssl=1 450w\" sizes=\"auto, (max-width: 150px) 100vw, 150px\" data-attachment-id=\"292562\" data-permalink=\"https:\/\/itayachtscanada.com\/fr\/listing\/belize-66-daybridge-2025-3945000-usd-for-sale\/capture-decran-le-2025-11-04-a-15-44-05\/\" data-orig-file=\"https:\/\/i0.wp.com\/itayachtscanada.com\/wp-content\/uploads\/2025\/11\/Capture-decran-le-2025-11-04-a-15.44.05.jpg?fit=1246%2C986&amp;ssl=1\" data-orig-size=\"1246,986\" data-comments-opened=\"1\" data-image-meta=\"{&quot;aperture&quot;:&quot;0&quot;,&quot;credit&quot;:&quot;&quot;,&quot;camera&quot;:&quot;&quot;,&quot;caption&quot;:&quot;&quot;,&quot;created_timestamp&quot;:&quot;0&quot;,&quot;copyright&quot;:&quot;&quot;,&quot;focal_length&quot;:&quot;0&quot;,&quot;iso&quot;:&quot;0&quot;,&quot;shutter_speed&quot;:&quot;0&quot;,&quot;title&quot;:&quot;&quot;,&quot;orientation&quot;:&quot;0&quot;}\" data-image-title=\"Capture d\u2019e\u0301cran, le 2025-11-04 a\u0300 15.44.05\" data-image-description=\"\" data-image-caption=\"\" data-large-file=\"https:\/\/i0.wp.com\/itayachtscanada.com\/wp-content\/uploads\/2025\/11\/Capture-decran-le-2025-11-04-a-15.44.05.jpg?fit=700%2C554&amp;ssl=1\" \/><\/a>\n\t\t\t<\/div><\/figure><figure class='gallery-item'>\n\t\t\t<div class='gallery-icon landscape'>\n\t\t\t\t<a href='https:\/\/itayachtscanada.com\/fr\/listing\/belize-66-daybridge-2025-3945000-usd-for-sale\/capture-decran-le-2025-11-04-a-15-43-56\/'><img loading=\"lazy\" decoding=\"async\" width=\"150\" height=\"150\" src=\"https:\/\/i0.wp.com\/itayachtscanada.com\/wp-content\/uploads\/2025\/11\/Capture-decran-le-2025-11-04-a-15.43.56.jpg?resize=150%2C150&amp;ssl=1\" class=\"attachment-thumbnail size-thumbnail\" alt=\"\" srcset=\"https:\/\/i0.wp.com\/itayachtscanada.com\/wp-content\/uploads\/2025\/11\/Capture-decran-le-2025-11-04-a-15.43.56.jpg?resize=150%2C150&amp;ssl=1 150w, https:\/\/i0.wp.com\/itayachtscanada.com\/wp-content\/uploads\/2025\/11\/Capture-decran-le-2025-11-04-a-15.43.56.jpg?resize=60%2C60&amp;ssl=1 60w, https:\/\/i0.wp.com\/itayachtscanada.com\/wp-content\/uploads\/2025\/11\/Capture-decran-le-2025-11-04-a-15.43.56.jpg?resize=80%2C80&amp;ssl=1 80w, https:\/\/i0.wp.com\/itayachtscanada.com\/wp-content\/uploads\/2025\/11\/Capture-decran-le-2025-11-04-a-15.43.56.jpg?resize=100%2C100&amp;ssl=1 100w, https:\/\/i0.wp.com\/itayachtscanada.com\/wp-content\/uploads\/2025\/11\/Capture-decran-le-2025-11-04-a-15.43.56.jpg?resize=50%2C50&amp;ssl=1 50w, https:\/\/i0.wp.com\/itayachtscanada.com\/wp-content\/uploads\/2025\/11\/Capture-decran-le-2025-11-04-a-15.43.56.jpg?zoom=2&amp;resize=150%2C150&amp;ssl=1 300w, https:\/\/i0.wp.com\/itayachtscanada.com\/wp-content\/uploads\/2025\/11\/Capture-decran-le-2025-11-04-a-15.43.56.jpg?zoom=3&amp;resize=150%2C150&amp;ssl=1 450w\" sizes=\"auto, (max-width: 150px) 100vw, 150px\" data-attachment-id=\"292563\" data-permalink=\"https:\/\/itayachtscanada.com\/fr\/listing\/belize-66-daybridge-2025-3945000-usd-for-sale\/capture-decran-le-2025-11-04-a-15-43-56\/\" data-orig-file=\"https:\/\/i0.wp.com\/itayachtscanada.com\/wp-content\/uploads\/2025\/11\/Capture-decran-le-2025-11-04-a-15.43.56.jpg?fit=1138%2C986&amp;ssl=1\" data-orig-size=\"1138,986\" data-comments-opened=\"1\" data-image-meta=\"{&quot;aperture&quot;:&quot;0&quot;,&quot;credit&quot;:&quot;&quot;,&quot;camera&quot;:&quot;&quot;,&quot;caption&quot;:&quot;&quot;,&quot;created_timestamp&quot;:&quot;0&quot;,&quot;copyright&quot;:&quot;&quot;,&quot;focal_length&quot;:&quot;0&quot;,&quot;iso&quot;:&quot;0&quot;,&quot;shutter_speed&quot;:&quot;0&quot;,&quot;title&quot;:&quot;&quot;,&quot;orientation&quot;:&quot;0&quot;}\" data-image-title=\"Capture d\u2019e\u0301cran, le 2025-11-04 a\u0300 15.43.56\" data-image-description=\"\" data-image-caption=\"\" data-large-file=\"https:\/\/i0.wp.com\/itayachtscanada.com\/wp-content\/uploads\/2025\/11\/Capture-decran-le-2025-11-04-a-15.43.56.jpg?fit=700%2C606&amp;ssl=1\" \/><\/a>\n\t\t\t<\/div><\/figure><figure class='gallery-item'>\n\t\t\t<div class='gallery-icon landscape'>\n\t\t\t\t<a href='https:\/\/itayachtscanada.com\/fr\/listing\/belize-66-daybridge-2025-3945000-usd-for-sale\/capture-decran-le-2025-11-04-a-15-43-47\/'><img loading=\"lazy\" decoding=\"async\" width=\"150\" height=\"150\" src=\"https:\/\/i0.wp.com\/itayachtscanada.com\/wp-content\/uploads\/2025\/11\/Capture-decran-le-2025-11-04-a-15.43.47.jpg?resize=150%2C150&amp;ssl=1\" class=\"attachment-thumbnail size-thumbnail\" alt=\"\" srcset=\"https:\/\/i0.wp.com\/itayachtscanada.com\/wp-content\/uploads\/2025\/11\/Capture-decran-le-2025-11-04-a-15.43.47.jpg?resize=150%2C150&amp;ssl=1 150w, https:\/\/i0.wp.com\/itayachtscanada.com\/wp-content\/uploads\/2025\/11\/Capture-decran-le-2025-11-04-a-15.43.47.jpg?resize=60%2C60&amp;ssl=1 60w, https:\/\/i0.wp.com\/itayachtscanada.com\/wp-content\/uploads\/2025\/11\/Capture-decran-le-2025-11-04-a-15.43.47.jpg?resize=80%2C80&amp;ssl=1 80w, https:\/\/i0.wp.com\/itayachtscanada.com\/wp-content\/uploads\/2025\/11\/Capture-decran-le-2025-11-04-a-15.43.47.jpg?resize=100%2C100&amp;ssl=1 100w, https:\/\/i0.wp.com\/itayachtscanada.com\/wp-content\/uploads\/2025\/11\/Capture-decran-le-2025-11-04-a-15.43.47.jpg?resize=50%2C50&amp;ssl=1 50w, https:\/\/i0.wp.com\/itayachtscanada.com\/wp-content\/uploads\/2025\/11\/Capture-decran-le-2025-11-04-a-15.43.47.jpg?zoom=2&amp;resize=150%2C150&amp;ssl=1 300w, https:\/\/i0.wp.com\/itayachtscanada.com\/wp-content\/uploads\/2025\/11\/Capture-decran-le-2025-11-04-a-15.43.47.jpg?zoom=3&amp;resize=150%2C150&amp;ssl=1 450w\" sizes=\"auto, (max-width: 150px) 100vw, 150px\" data-attachment-id=\"292564\" data-permalink=\"https:\/\/itayachtscanada.com\/fr\/listing\/belize-66-daybridge-2025-3945000-usd-for-sale\/capture-decran-le-2025-11-04-a-15-43-47\/\" data-orig-file=\"https:\/\/i0.wp.com\/itayachtscanada.com\/wp-content\/uploads\/2025\/11\/Capture-decran-le-2025-11-04-a-15.43.47.jpg?fit=1290%2C952&amp;ssl=1\" data-orig-size=\"1290,952\" data-comments-opened=\"1\" data-image-meta=\"{&quot;aperture&quot;:&quot;0&quot;,&quot;credit&quot;:&quot;&quot;,&quot;camera&quot;:&quot;&quot;,&quot;caption&quot;:&quot;&quot;,&quot;created_timestamp&quot;:&quot;0&quot;,&quot;copyright&quot;:&quot;&quot;,&quot;focal_length&quot;:&quot;0&quot;,&quot;iso&quot;:&quot;0&quot;,&quot;shutter_speed&quot;:&quot;0&quot;,&quot;title&quot;:&quot;&quot;,&quot;orientation&quot;:&quot;0&quot;}\" data-image-title=\"Capture d\u2019e\u0301cran, le 2025-11-04 a\u0300 15.43.47\" data-image-description=\"\" data-image-caption=\"\" data-large-file=\"https:\/\/i0.wp.com\/itayachtscanada.com\/wp-content\/uploads\/2025\/11\/Capture-decran-le-2025-11-04-a-15.43.47.jpg?fit=700%2C517&amp;ssl=1\" \/><\/a>\n\t\t\t<\/div><\/figure><figure class='gallery-item'>\n\t\t\t<div class='gallery-icon landscape'>\n\t\t\t\t<a href='https:\/\/itayachtscanada.com\/fr\/listing\/belize-66-daybridge-2025-3945000-usd-for-sale\/capture-decran-le-2025-11-04-a-15-43-36\/'><img loading=\"lazy\" decoding=\"async\" width=\"150\" height=\"150\" src=\"https:\/\/i0.wp.com\/itayachtscanada.com\/wp-content\/uploads\/2025\/11\/Capture-decran-le-2025-11-04-a-15.43.36.jpg?resize=150%2C150&amp;ssl=1\" class=\"attachment-thumbnail size-thumbnail\" alt=\"\" srcset=\"https:\/\/i0.wp.com\/itayachtscanada.com\/wp-content\/uploads\/2025\/11\/Capture-decran-le-2025-11-04-a-15.43.36.jpg?resize=150%2C150&amp;ssl=1 150w, https:\/\/i0.wp.com\/itayachtscanada.com\/wp-content\/uploads\/2025\/11\/Capture-decran-le-2025-11-04-a-15.43.36.jpg?resize=60%2C60&amp;ssl=1 60w, https:\/\/i0.wp.com\/itayachtscanada.com\/wp-content\/uploads\/2025\/11\/Capture-decran-le-2025-11-04-a-15.43.36.jpg?resize=80%2C80&amp;ssl=1 80w, https:\/\/i0.wp.com\/itayachtscanada.com\/wp-content\/uploads\/2025\/11\/Capture-decran-le-2025-11-04-a-15.43.36.jpg?resize=100%2C100&amp;ssl=1 100w, https:\/\/i0.wp.com\/itayachtscanada.com\/wp-content\/uploads\/2025\/11\/Capture-decran-le-2025-11-04-a-15.43.36.jpg?resize=50%2C50&amp;ssl=1 50w, https:\/\/i0.wp.com\/itayachtscanada.com\/wp-content\/uploads\/2025\/11\/Capture-decran-le-2025-11-04-a-15.43.36.jpg?zoom=2&amp;resize=150%2C150&amp;ssl=1 300w, https:\/\/i0.wp.com\/itayachtscanada.com\/wp-content\/uploads\/2025\/11\/Capture-decran-le-2025-11-04-a-15.43.36.jpg?zoom=3&amp;resize=150%2C150&amp;ssl=1 450w\" sizes=\"auto, (max-width: 150px) 100vw, 150px\" data-attachment-id=\"292565\" data-permalink=\"https:\/\/itayachtscanada.com\/fr\/listing\/belize-66-daybridge-2025-3945000-usd-for-sale\/capture-decran-le-2025-11-04-a-15-43-36\/\" data-orig-file=\"https:\/\/i0.wp.com\/itayachtscanada.com\/wp-content\/uploads\/2025\/11\/Capture-decran-le-2025-11-04-a-15.43.36.jpg?fit=1120%2C820&amp;ssl=1\" data-orig-size=\"1120,820\" data-comments-opened=\"1\" data-image-meta=\"{&quot;aperture&quot;:&quot;0&quot;,&quot;credit&quot;:&quot;&quot;,&quot;camera&quot;:&quot;&quot;,&quot;caption&quot;:&quot;&quot;,&quot;created_timestamp&quot;:&quot;0&quot;,&quot;copyright&quot;:&quot;&quot;,&quot;focal_length&quot;:&quot;0&quot;,&quot;iso&quot;:&quot;0&quot;,&quot;shutter_speed&quot;:&quot;0&quot;,&quot;title&quot;:&quot;&quot;,&quot;orientation&quot;:&quot;0&quot;}\" data-image-title=\"Capture d\u2019e\u0301cran, le 2025-11-04 a\u0300 15.43.36\" data-image-description=\"\" data-image-caption=\"\" data-large-file=\"https:\/\/i0.wp.com\/itayachtscanada.com\/wp-content\/uploads\/2025\/11\/Capture-decran-le-2025-11-04-a-15.43.36.jpg?fit=700%2C513&amp;ssl=1\" \/><\/a>\n\t\t\t<\/div><\/figure><figure class='gallery-item'>\n\t\t\t<div class='gallery-icon landscape'>\n\t\t\t\t<a href='https:\/\/itayachtscanada.com\/fr\/listing\/belize-66-daybridge-2025-3945000-usd-for-sale\/capture-decran-le-2025-11-04-a-15-46-37\/'><img loading=\"lazy\" decoding=\"async\" width=\"150\" height=\"150\" src=\"https:\/\/i0.wp.com\/itayachtscanada.com\/wp-content\/uploads\/2025\/11\/Capture-decran-le-2025-11-04-a-15.46.37.jpg?resize=150%2C150&amp;ssl=1\" class=\"attachment-thumbnail size-thumbnail\" alt=\"\" srcset=\"https:\/\/i0.wp.com\/itayachtscanada.com\/wp-content\/uploads\/2025\/11\/Capture-decran-le-2025-11-04-a-15.46.37.jpg?resize=150%2C150&amp;ssl=1 150w, https:\/\/i0.wp.com\/itayachtscanada.com\/wp-content\/uploads\/2025\/11\/Capture-decran-le-2025-11-04-a-15.46.37.jpg?resize=60%2C60&amp;ssl=1 60w, https:\/\/i0.wp.com\/itayachtscanada.com\/wp-content\/uploads\/2025\/11\/Capture-decran-le-2025-11-04-a-15.46.37.jpg?resize=80%2C80&amp;ssl=1 80w, https:\/\/i0.wp.com\/itayachtscanada.com\/wp-content\/uploads\/2025\/11\/Capture-decran-le-2025-11-04-a-15.46.37.jpg?resize=100%2C100&amp;ssl=1 100w, https:\/\/i0.wp.com\/itayachtscanada.com\/wp-content\/uploads\/2025\/11\/Capture-decran-le-2025-11-04-a-15.46.37.jpg?resize=50%2C50&amp;ssl=1 50w, https:\/\/i0.wp.com\/itayachtscanada.com\/wp-content\/uploads\/2025\/11\/Capture-decran-le-2025-11-04-a-15.46.37.jpg?zoom=2&amp;resize=150%2C150&amp;ssl=1 300w, https:\/\/i0.wp.com\/itayachtscanada.com\/wp-content\/uploads\/2025\/11\/Capture-decran-le-2025-11-04-a-15.46.37.jpg?zoom=3&amp;resize=150%2C150&amp;ssl=1 450w\" sizes=\"auto, (max-width: 150px) 100vw, 150px\" data-attachment-id=\"292542\" data-permalink=\"https:\/\/itayachtscanada.com\/fr\/listing\/belize-66-daybridge-2025-3945000-usd-for-sale\/capture-decran-le-2025-11-04-a-15-46-37\/\" data-orig-file=\"https:\/\/i0.wp.com\/itayachtscanada.com\/wp-content\/uploads\/2025\/11\/Capture-decran-le-2025-11-04-a-15.46.37.jpg?fit=1444%2C986&amp;ssl=1\" data-orig-size=\"1444,986\" data-comments-opened=\"1\" data-image-meta=\"{&quot;aperture&quot;:&quot;0&quot;,&quot;credit&quot;:&quot;&quot;,&quot;camera&quot;:&quot;&quot;,&quot;caption&quot;:&quot;&quot;,&quot;created_timestamp&quot;:&quot;0&quot;,&quot;copyright&quot;:&quot;&quot;,&quot;focal_length&quot;:&quot;0&quot;,&quot;iso&quot;:&quot;0&quot;,&quot;shutter_speed&quot;:&quot;0&quot;,&quot;title&quot;:&quot;&quot;,&quot;orientation&quot;:&quot;0&quot;}\" data-image-title=\"Capture d\u2019e\u0301cran, le 2025-11-04 a\u0300 15.46.37\" data-image-description=\"\" data-image-caption=\"\" data-large-file=\"https:\/\/i0.wp.com\/itayachtscanada.com\/wp-content\/uploads\/2025\/11\/Capture-decran-le-2025-11-04-a-15.46.37.jpg?fit=700%2C478&amp;ssl=1\" \/><\/a>\n\t\t\t<\/div><\/figure><figure class='gallery-item'>\n\t\t\t<div class='gallery-icon portrait'>\n\t\t\t\t<a href='https:\/\/itayachtscanada.com\/fr\/listing\/belize-66-daybridge-2025-3945000-usd-for-sale\/capture-decran-le-2025-11-04-a-15-44-32\/'><img loading=\"lazy\" decoding=\"async\" width=\"150\" height=\"150\" src=\"https:\/\/i0.wp.com\/itayachtscanada.com\/wp-content\/uploads\/2025\/11\/Capture-decran-le-2025-11-04-a-15.44.32.jpg?resize=150%2C150&amp;ssl=1\" class=\"attachment-thumbnail size-thumbnail\" alt=\"\" srcset=\"https:\/\/i0.wp.com\/itayachtscanada.com\/wp-content\/uploads\/2025\/11\/Capture-decran-le-2025-11-04-a-15.44.32.jpg?resize=150%2C150&amp;ssl=1 150w, https:\/\/i0.wp.com\/itayachtscanada.com\/wp-content\/uploads\/2025\/11\/Capture-decran-le-2025-11-04-a-15.44.32.jpg?resize=60%2C60&amp;ssl=1 60w, https:\/\/i0.wp.com\/itayachtscanada.com\/wp-content\/uploads\/2025\/11\/Capture-decran-le-2025-11-04-a-15.44.32.jpg?resize=80%2C80&amp;ssl=1 80w, https:\/\/i0.wp.com\/itayachtscanada.com\/wp-content\/uploads\/2025\/11\/Capture-decran-le-2025-11-04-a-15.44.32.jpg?resize=100%2C100&amp;ssl=1 100w, https:\/\/i0.wp.com\/itayachtscanada.com\/wp-content\/uploads\/2025\/11\/Capture-decran-le-2025-11-04-a-15.44.32.jpg?resize=50%2C50&amp;ssl=1 50w, https:\/\/i0.wp.com\/itayachtscanada.com\/wp-content\/uploads\/2025\/11\/Capture-decran-le-2025-11-04-a-15.44.32.jpg?zoom=2&amp;resize=150%2C150&amp;ssl=1 300w, https:\/\/i0.wp.com\/itayachtscanada.com\/wp-content\/uploads\/2025\/11\/Capture-decran-le-2025-11-04-a-15.44.32.jpg?zoom=3&amp;resize=150%2C150&amp;ssl=1 450w\" sizes=\"auto, (max-width: 150px) 100vw, 150px\" data-attachment-id=\"292558\" data-permalink=\"https:\/\/itayachtscanada.com\/fr\/listing\/belize-66-daybridge-2025-3945000-usd-for-sale\/capture-decran-le-2025-11-04-a-15-44-32\/\" data-orig-file=\"https:\/\/i0.wp.com\/itayachtscanada.com\/wp-content\/uploads\/2025\/11\/Capture-decran-le-2025-11-04-a-15.44.32.jpg?fit=948%2C986&amp;ssl=1\" data-orig-size=\"948,986\" data-comments-opened=\"1\" data-image-meta=\"{&quot;aperture&quot;:&quot;0&quot;,&quot;credit&quot;:&quot;&quot;,&quot;camera&quot;:&quot;&quot;,&quot;caption&quot;:&quot;&quot;,&quot;created_timestamp&quot;:&quot;0&quot;,&quot;copyright&quot;:&quot;&quot;,&quot;focal_length&quot;:&quot;0&quot;,&quot;iso&quot;:&quot;0&quot;,&quot;shutter_speed&quot;:&quot;0&quot;,&quot;title&quot;:&quot;&quot;,&quot;orientation&quot;:&quot;0&quot;}\" data-image-title=\"Capture d\u2019e\u0301cran, le 2025-11-04 a\u0300 15.44.32\" data-image-description=\"\" data-image-caption=\"\" data-large-file=\"https:\/\/i0.wp.com\/itayachtscanada.com\/wp-content\/uploads\/2025\/11\/Capture-decran-le-2025-11-04-a-15.44.32.jpg?fit=700%2C728&amp;ssl=1\" \/><\/a>\n\t\t\t<\/div><\/figure><figure class='gallery-item'>\n\t\t\t<div class='gallery-icon landscape'>\n\t\t\t\t<a href='https:\/\/itayachtscanada.com\/fr\/listing\/belize-66-daybridge-2025-3945000-usd-for-sale\/capture-decran-le-2025-11-04-a-15-44-40\/'><img loading=\"lazy\" decoding=\"async\" width=\"150\" height=\"150\" src=\"https:\/\/i0.wp.com\/itayachtscanada.com\/wp-content\/uploads\/2025\/11\/Capture-decran-le-2025-11-04-a-15.44.40.jpg?resize=150%2C150&amp;ssl=1\" class=\"attachment-thumbnail size-thumbnail\" alt=\"\" srcset=\"https:\/\/i0.wp.com\/itayachtscanada.com\/wp-content\/uploads\/2025\/11\/Capture-decran-le-2025-11-04-a-15.44.40.jpg?resize=150%2C150&amp;ssl=1 150w, https:\/\/i0.wp.com\/itayachtscanada.com\/wp-content\/uploads\/2025\/11\/Capture-decran-le-2025-11-04-a-15.44.40.jpg?resize=60%2C60&amp;ssl=1 60w, https:\/\/i0.wp.com\/itayachtscanada.com\/wp-content\/uploads\/2025\/11\/Capture-decran-le-2025-11-04-a-15.44.40.jpg?resize=80%2C80&amp;ssl=1 80w, https:\/\/i0.wp.com\/itayachtscanada.com\/wp-content\/uploads\/2025\/11\/Capture-decran-le-2025-11-04-a-15.44.40.jpg?resize=100%2C100&amp;ssl=1 100w, https:\/\/i0.wp.com\/itayachtscanada.com\/wp-content\/uploads\/2025\/11\/Capture-decran-le-2025-11-04-a-15.44.40.jpg?resize=50%2C50&amp;ssl=1 50w, https:\/\/i0.wp.com\/itayachtscanada.com\/wp-content\/uploads\/2025\/11\/Capture-decran-le-2025-11-04-a-15.44.40.jpg?zoom=2&amp;resize=150%2C150&amp;ssl=1 300w, https:\/\/i0.wp.com\/itayachtscanada.com\/wp-content\/uploads\/2025\/11\/Capture-decran-le-2025-11-04-a-15.44.40.jpg?zoom=3&amp;resize=150%2C150&amp;ssl=1 450w\" sizes=\"auto, (max-width: 150px) 100vw, 150px\" data-attachment-id=\"292557\" data-permalink=\"https:\/\/itayachtscanada.com\/fr\/listing\/belize-66-daybridge-2025-3945000-usd-for-sale\/capture-decran-le-2025-11-04-a-15-44-40\/\" data-orig-file=\"https:\/\/i0.wp.com\/itayachtscanada.com\/wp-content\/uploads\/2025\/11\/Capture-decran-le-2025-11-04-a-15.44.40.jpg?fit=1312%2C986&amp;ssl=1\" data-orig-size=\"1312,986\" data-comments-opened=\"1\" data-image-meta=\"{&quot;aperture&quot;:&quot;0&quot;,&quot;credit&quot;:&quot;&quot;,&quot;camera&quot;:&quot;&quot;,&quot;caption&quot;:&quot;&quot;,&quot;created_timestamp&quot;:&quot;0&quot;,&quot;copyright&quot;:&quot;&quot;,&quot;focal_length&quot;:&quot;0&quot;,&quot;iso&quot;:&quot;0&quot;,&quot;shutter_speed&quot;:&quot;0&quot;,&quot;title&quot;:&quot;&quot;,&quot;orientation&quot;:&quot;0&quot;}\" data-image-title=\"Capture d\u2019e\u0301cran, le 2025-11-04 a\u0300 15.44.40\" data-image-description=\"\" data-image-caption=\"\" data-large-file=\"https:\/\/i0.wp.com\/itayachtscanada.com\/wp-content\/uploads\/2025\/11\/Capture-decran-le-2025-11-04-a-15.44.40.jpg?fit=700%2C526&amp;ssl=1\" \/><\/a>\n\t\t\t<\/div><\/figure><figure class='gallery-item'>\n\t\t\t<div class='gallery-icon landscape'>\n\t\t\t\t<a href='https:\/\/itayachtscanada.com\/fr\/listing\/belize-66-daybridge-2025-3945000-usd-for-sale\/capture-decran-le-2025-11-04-a-15-40-27\/'><img loading=\"lazy\" decoding=\"async\" width=\"150\" height=\"150\" src=\"https:\/\/i0.wp.com\/itayachtscanada.com\/wp-content\/uploads\/2025\/11\/Capture-decran-le-2025-11-04-a-15.40.27.jpg?resize=150%2C150&amp;ssl=1\" class=\"attachment-thumbnail size-thumbnail\" alt=\"\" srcset=\"https:\/\/i0.wp.com\/itayachtscanada.com\/wp-content\/uploads\/2025\/11\/Capture-decran-le-2025-11-04-a-15.40.27.jpg?resize=150%2C150&amp;ssl=1 150w, https:\/\/i0.wp.com\/itayachtscanada.com\/wp-content\/uploads\/2025\/11\/Capture-decran-le-2025-11-04-a-15.40.27.jpg?resize=60%2C60&amp;ssl=1 60w, https:\/\/i0.wp.com\/itayachtscanada.com\/wp-content\/uploads\/2025\/11\/Capture-decran-le-2025-11-04-a-15.40.27.jpg?resize=80%2C80&amp;ssl=1 80w, https:\/\/i0.wp.com\/itayachtscanada.com\/wp-content\/uploads\/2025\/11\/Capture-decran-le-2025-11-04-a-15.40.27.jpg?resize=100%2C100&amp;ssl=1 100w, https:\/\/i0.wp.com\/itayachtscanada.com\/wp-content\/uploads\/2025\/11\/Capture-decran-le-2025-11-04-a-15.40.27.jpg?resize=50%2C50&amp;ssl=1 50w, https:\/\/i0.wp.com\/itayachtscanada.com\/wp-content\/uploads\/2025\/11\/Capture-decran-le-2025-11-04-a-15.40.27.jpg?zoom=2&amp;resize=150%2C150&amp;ssl=1 300w, https:\/\/i0.wp.com\/itayachtscanada.com\/wp-content\/uploads\/2025\/11\/Capture-decran-le-2025-11-04-a-15.40.27.jpg?zoom=3&amp;resize=150%2C150&amp;ssl=1 450w\" sizes=\"auto, (max-width: 150px) 100vw, 150px\" data-attachment-id=\"292587\" data-permalink=\"https:\/\/itayachtscanada.com\/fr\/listing\/belize-66-daybridge-2025-3945000-usd-for-sale\/capture-decran-le-2025-11-04-a-15-40-27\/\" data-orig-file=\"https:\/\/i0.wp.com\/itayachtscanada.com\/wp-content\/uploads\/2025\/11\/Capture-decran-le-2025-11-04-a-15.40.27.jpg?fit=1260%2C820&amp;ssl=1\" data-orig-size=\"1260,820\" data-comments-opened=\"1\" data-image-meta=\"{&quot;aperture&quot;:&quot;0&quot;,&quot;credit&quot;:&quot;&quot;,&quot;camera&quot;:&quot;&quot;,&quot;caption&quot;:&quot;&quot;,&quot;created_timestamp&quot;:&quot;0&quot;,&quot;copyright&quot;:&quot;&quot;,&quot;focal_length&quot;:&quot;0&quot;,&quot;iso&quot;:&quot;0&quot;,&quot;shutter_speed&quot;:&quot;0&quot;,&quot;title&quot;:&quot;&quot;,&quot;orientation&quot;:&quot;0&quot;}\" data-image-title=\"Capture d\u2019e\u0301cran, le 2025-11-04 a\u0300 15.40.27\" data-image-description=\"\" data-image-caption=\"\" data-large-file=\"https:\/\/i0.wp.com\/itayachtscanada.com\/wp-content\/uploads\/2025\/11\/Capture-decran-le-2025-11-04-a-15.40.27.jpg?fit=700%2C455&amp;ssl=1\" \/><\/a>\n\t\t\t<\/div><\/figure><figure class='gallery-item'>\n\t\t\t<div class='gallery-icon landscape'>\n\t\t\t\t<a href='https:\/\/itayachtscanada.com\/fr\/listing\/belize-66-daybridge-2025-3945000-usd-for-sale\/capture-decran-le-2025-11-04-a-15-46-29\/'><img loading=\"lazy\" decoding=\"async\" width=\"150\" height=\"150\" src=\"https:\/\/i0.wp.com\/itayachtscanada.com\/wp-content\/uploads\/2025\/11\/Capture-decran-le-2025-11-04-a-15.46.29.jpg?resize=150%2C150&amp;ssl=1\" class=\"attachment-thumbnail size-thumbnail\" alt=\"\" srcset=\"https:\/\/i0.wp.com\/itayachtscanada.com\/wp-content\/uploads\/2025\/11\/Capture-decran-le-2025-11-04-a-15.46.29.jpg?resize=150%2C150&amp;ssl=1 150w, https:\/\/i0.wp.com\/itayachtscanada.com\/wp-content\/uploads\/2025\/11\/Capture-decran-le-2025-11-04-a-15.46.29.jpg?resize=60%2C60&amp;ssl=1 60w, https:\/\/i0.wp.com\/itayachtscanada.com\/wp-content\/uploads\/2025\/11\/Capture-decran-le-2025-11-04-a-15.46.29.jpg?resize=80%2C80&amp;ssl=1 80w, https:\/\/i0.wp.com\/itayachtscanada.com\/wp-content\/uploads\/2025\/11\/Capture-decran-le-2025-11-04-a-15.46.29.jpg?resize=100%2C100&amp;ssl=1 100w, https:\/\/i0.wp.com\/itayachtscanada.com\/wp-content\/uploads\/2025\/11\/Capture-decran-le-2025-11-04-a-15.46.29.jpg?resize=50%2C50&amp;ssl=1 50w, https:\/\/i0.wp.com\/itayachtscanada.com\/wp-content\/uploads\/2025\/11\/Capture-decran-le-2025-11-04-a-15.46.29.jpg?zoom=2&amp;resize=150%2C150&amp;ssl=1 300w, https:\/\/i0.wp.com\/itayachtscanada.com\/wp-content\/uploads\/2025\/11\/Capture-decran-le-2025-11-04-a-15.46.29.jpg?zoom=3&amp;resize=150%2C150&amp;ssl=1 450w\" sizes=\"auto, (max-width: 150px) 100vw, 150px\" data-attachment-id=\"292543\" data-permalink=\"https:\/\/itayachtscanada.com\/fr\/listing\/belize-66-daybridge-2025-3945000-usd-for-sale\/capture-decran-le-2025-11-04-a-15-46-29\/\" data-orig-file=\"https:\/\/i0.wp.com\/itayachtscanada.com\/wp-content\/uploads\/2025\/11\/Capture-decran-le-2025-11-04-a-15.46.29.jpg?fit=1228%2C986&amp;ssl=1\" data-orig-size=\"1228,986\" data-comments-opened=\"1\" data-image-meta=\"{&quot;aperture&quot;:&quot;0&quot;,&quot;credit&quot;:&quot;&quot;,&quot;camera&quot;:&quot;&quot;,&quot;caption&quot;:&quot;&quot;,&quot;created_timestamp&quot;:&quot;0&quot;,&quot;copyright&quot;:&quot;&quot;,&quot;focal_length&quot;:&quot;0&quot;,&quot;iso&quot;:&quot;0&quot;,&quot;shutter_speed&quot;:&quot;0&quot;,&quot;title&quot;:&quot;&quot;,&quot;orientation&quot;:&quot;0&quot;}\" data-image-title=\"Capture d\u2019e\u0301cran, le 2025-11-04 a\u0300 15.46.29\" data-image-description=\"\" data-image-caption=\"\" data-large-file=\"https:\/\/i0.wp.com\/itayachtscanada.com\/wp-content\/uploads\/2025\/11\/Capture-decran-le-2025-11-04-a-15.46.29.jpg?fit=700%2C562&amp;ssl=1\" \/><\/a>\n\t\t\t<\/div><\/figure><figure class='gallery-item'>\n\t\t\t<div class='gallery-icon landscape'>\n\t\t\t\t<a href='https:\/\/itayachtscanada.com\/fr\/listing\/belize-66-daybridge-2025-3945000-usd-for-sale\/capture-decran-le-2025-11-04-a-15-40-24\/'><img loading=\"lazy\" decoding=\"async\" width=\"150\" height=\"150\" src=\"https:\/\/i0.wp.com\/itayachtscanada.com\/wp-content\/uploads\/2025\/11\/Capture-decran-le-2025-11-04-a-15.40.24.jpg?resize=150%2C150&amp;ssl=1\" class=\"attachment-thumbnail size-thumbnail\" alt=\"\" srcset=\"https:\/\/i0.wp.com\/itayachtscanada.com\/wp-content\/uploads\/2025\/11\/Capture-decran-le-2025-11-04-a-15.40.24.jpg?resize=150%2C150&amp;ssl=1 150w, https:\/\/i0.wp.com\/itayachtscanada.com\/wp-content\/uploads\/2025\/11\/Capture-decran-le-2025-11-04-a-15.40.24.jpg?resize=60%2C60&amp;ssl=1 60w, https:\/\/i0.wp.com\/itayachtscanada.com\/wp-content\/uploads\/2025\/11\/Capture-decran-le-2025-11-04-a-15.40.24.jpg?resize=80%2C80&amp;ssl=1 80w, https:\/\/i0.wp.com\/itayachtscanada.com\/wp-content\/uploads\/2025\/11\/Capture-decran-le-2025-11-04-a-15.40.24.jpg?resize=100%2C100&amp;ssl=1 100w, https:\/\/i0.wp.com\/itayachtscanada.com\/wp-content\/uploads\/2025\/11\/Capture-decran-le-2025-11-04-a-15.40.24.jpg?resize=50%2C50&amp;ssl=1 50w, https:\/\/i0.wp.com\/itayachtscanada.com\/wp-content\/uploads\/2025\/11\/Capture-decran-le-2025-11-04-a-15.40.24.jpg?zoom=2&amp;resize=150%2C150&amp;ssl=1 300w, https:\/\/i0.wp.com\/itayachtscanada.com\/wp-content\/uploads\/2025\/11\/Capture-decran-le-2025-11-04-a-15.40.24.jpg?zoom=3&amp;resize=150%2C150&amp;ssl=1 450w\" sizes=\"auto, (max-width: 150px) 100vw, 150px\" data-attachment-id=\"292588\" data-permalink=\"https:\/\/itayachtscanada.com\/fr\/listing\/belize-66-daybridge-2025-3945000-usd-for-sale\/capture-decran-le-2025-11-04-a-15-40-24\/\" data-orig-file=\"https:\/\/i0.wp.com\/itayachtscanada.com\/wp-content\/uploads\/2025\/11\/Capture-decran-le-2025-11-04-a-15.40.24.jpg?fit=1260%2C820&amp;ssl=1\" data-orig-size=\"1260,820\" data-comments-opened=\"1\" data-image-meta=\"{&quot;aperture&quot;:&quot;0&quot;,&quot;credit&quot;:&quot;&quot;,&quot;camera&quot;:&quot;&quot;,&quot;caption&quot;:&quot;&quot;,&quot;created_timestamp&quot;:&quot;0&quot;,&quot;copyright&quot;:&quot;&quot;,&quot;focal_length&quot;:&quot;0&quot;,&quot;iso&quot;:&quot;0&quot;,&quot;shutter_speed&quot;:&quot;0&quot;,&quot;title&quot;:&quot;&quot;,&quot;orientation&quot;:&quot;0&quot;}\" data-image-title=\"Capture d\u2019e\u0301cran, le 2025-11-04 a\u0300 15.40.24\" data-image-description=\"\" data-image-caption=\"\" data-large-file=\"https:\/\/i0.wp.com\/itayachtscanada.com\/wp-content\/uploads\/2025\/11\/Capture-decran-le-2025-11-04-a-15.40.24.jpg?fit=700%2C455&amp;ssl=1\" \/><\/a>\n\t\t\t<\/div><\/figure><figure class='gallery-item'>\n\t\t\t<div class='gallery-icon landscape'>\n\t\t\t\t<a href='https:\/\/itayachtscanada.com\/fr\/listing\/belize-66-daybridge-2025-3945000-usd-for-sale\/capture-decran-le-2025-11-04-a-15-40-21\/'><img loading=\"lazy\" decoding=\"async\" width=\"150\" height=\"150\" src=\"https:\/\/i0.wp.com\/itayachtscanada.com\/wp-content\/uploads\/2025\/11\/Capture-decran-le-2025-11-04-a-15.40.21.jpg?resize=150%2C150&amp;ssl=1\" class=\"attachment-thumbnail size-thumbnail\" alt=\"\" srcset=\"https:\/\/i0.wp.com\/itayachtscanada.com\/wp-content\/uploads\/2025\/11\/Capture-decran-le-2025-11-04-a-15.40.21.jpg?resize=150%2C150&amp;ssl=1 150w, https:\/\/i0.wp.com\/itayachtscanada.com\/wp-content\/uploads\/2025\/11\/Capture-decran-le-2025-11-04-a-15.40.21.jpg?resize=60%2C60&amp;ssl=1 60w, https:\/\/i0.wp.com\/itayachtscanada.com\/wp-content\/uploads\/2025\/11\/Capture-decran-le-2025-11-04-a-15.40.21.jpg?resize=80%2C80&amp;ssl=1 80w, https:\/\/i0.wp.com\/itayachtscanada.com\/wp-content\/uploads\/2025\/11\/Capture-decran-le-2025-11-04-a-15.40.21.jpg?resize=100%2C100&amp;ssl=1 100w, https:\/\/i0.wp.com\/itayachtscanada.com\/wp-content\/uploads\/2025\/11\/Capture-decran-le-2025-11-04-a-15.40.21.jpg?resize=50%2C50&amp;ssl=1 50w, https:\/\/i0.wp.com\/itayachtscanada.com\/wp-content\/uploads\/2025\/11\/Capture-decran-le-2025-11-04-a-15.40.21.jpg?zoom=2&amp;resize=150%2C150&amp;ssl=1 300w, https:\/\/i0.wp.com\/itayachtscanada.com\/wp-content\/uploads\/2025\/11\/Capture-decran-le-2025-11-04-a-15.40.21.jpg?zoom=3&amp;resize=150%2C150&amp;ssl=1 450w\" sizes=\"auto, (max-width: 150px) 100vw, 150px\" data-attachment-id=\"292589\" data-permalink=\"https:\/\/itayachtscanada.com\/fr\/listing\/belize-66-daybridge-2025-3945000-usd-for-sale\/capture-decran-le-2025-11-04-a-15-40-21\/\" data-orig-file=\"https:\/\/i0.wp.com\/itayachtscanada.com\/wp-content\/uploads\/2025\/11\/Capture-decran-le-2025-11-04-a-15.40.21.jpg?fit=1260%2C820&amp;ssl=1\" data-orig-size=\"1260,820\" data-comments-opened=\"1\" data-image-meta=\"{&quot;aperture&quot;:&quot;0&quot;,&quot;credit&quot;:&quot;&quot;,&quot;camera&quot;:&quot;&quot;,&quot;caption&quot;:&quot;&quot;,&quot;created_timestamp&quot;:&quot;0&quot;,&quot;copyright&quot;:&quot;&quot;,&quot;focal_length&quot;:&quot;0&quot;,&quot;iso&quot;:&quot;0&quot;,&quot;shutter_speed&quot;:&quot;0&quot;,&quot;title&quot;:&quot;&quot;,&quot;orientation&quot;:&quot;0&quot;}\" data-image-title=\"Capture d\u2019e\u0301cran, le 2025-11-04 a\u0300 15.40.21\" data-image-description=\"\" data-image-caption=\"\" data-large-file=\"https:\/\/i0.wp.com\/itayachtscanada.com\/wp-content\/uploads\/2025\/11\/Capture-decran-le-2025-11-04-a-15.40.21.jpg?fit=700%2C455&amp;ssl=1\" \/><\/a>\n\t\t\t<\/div><\/figure><figure class='gallery-item'>\n\t\t\t<div class='gallery-icon landscape'>\n\t\t\t\t<a href='https:\/\/itayachtscanada.com\/fr\/listing\/belize-66-daybridge-2025-3945000-usd-for-sale\/capture-decran-le-2025-11-04-a-15-40-18\/'><img loading=\"lazy\" decoding=\"async\" width=\"150\" height=\"150\" src=\"https:\/\/i0.wp.com\/itayachtscanada.com\/wp-content\/uploads\/2025\/11\/Capture-decran-le-2025-11-04-a-15.40.18.jpg?resize=150%2C150&amp;ssl=1\" class=\"attachment-thumbnail size-thumbnail\" alt=\"\" srcset=\"https:\/\/i0.wp.com\/itayachtscanada.com\/wp-content\/uploads\/2025\/11\/Capture-decran-le-2025-11-04-a-15.40.18.jpg?resize=150%2C150&amp;ssl=1 150w, https:\/\/i0.wp.com\/itayachtscanada.com\/wp-content\/uploads\/2025\/11\/Capture-decran-le-2025-11-04-a-15.40.18.jpg?resize=60%2C60&amp;ssl=1 60w, https:\/\/i0.wp.com\/itayachtscanada.com\/wp-content\/uploads\/2025\/11\/Capture-decran-le-2025-11-04-a-15.40.18.jpg?resize=80%2C80&amp;ssl=1 80w, https:\/\/i0.wp.com\/itayachtscanada.com\/wp-content\/uploads\/2025\/11\/Capture-decran-le-2025-11-04-a-15.40.18.jpg?resize=100%2C100&amp;ssl=1 100w, https:\/\/i0.wp.com\/itayachtscanada.com\/wp-content\/uploads\/2025\/11\/Capture-decran-le-2025-11-04-a-15.40.18.jpg?resize=50%2C50&amp;ssl=1 50w, https:\/\/i0.wp.com\/itayachtscanada.com\/wp-content\/uploads\/2025\/11\/Capture-decran-le-2025-11-04-a-15.40.18.jpg?zoom=2&amp;resize=150%2C150&amp;ssl=1 300w, https:\/\/i0.wp.com\/itayachtscanada.com\/wp-content\/uploads\/2025\/11\/Capture-decran-le-2025-11-04-a-15.40.18.jpg?zoom=3&amp;resize=150%2C150&amp;ssl=1 450w\" sizes=\"auto, (max-width: 150px) 100vw, 150px\" data-attachment-id=\"292590\" data-permalink=\"https:\/\/itayachtscanada.com\/fr\/listing\/belize-66-daybridge-2025-3945000-usd-for-sale\/capture-decran-le-2025-11-04-a-15-40-18\/\" data-orig-file=\"https:\/\/i0.wp.com\/itayachtscanada.com\/wp-content\/uploads\/2025\/11\/Capture-decran-le-2025-11-04-a-15.40.18.jpg?fit=1260%2C820&amp;ssl=1\" data-orig-size=\"1260,820\" data-comments-opened=\"1\" data-image-meta=\"{&quot;aperture&quot;:&quot;0&quot;,&quot;credit&quot;:&quot;&quot;,&quot;camera&quot;:&quot;&quot;,&quot;caption&quot;:&quot;&quot;,&quot;created_timestamp&quot;:&quot;0&quot;,&quot;copyright&quot;:&quot;&quot;,&quot;focal_length&quot;:&quot;0&quot;,&quot;iso&quot;:&quot;0&quot;,&quot;shutter_speed&quot;:&quot;0&quot;,&quot;title&quot;:&quot;&quot;,&quot;orientation&quot;:&quot;0&quot;}\" data-image-title=\"Capture d\u2019e\u0301cran, le 2025-11-04 a\u0300 15.40.18\" data-image-description=\"\" data-image-caption=\"\" data-large-file=\"https:\/\/i0.wp.com\/itayachtscanada.com\/wp-content\/uploads\/2025\/11\/Capture-decran-le-2025-11-04-a-15.40.18.jpg?fit=700%2C455&amp;ssl=1\" \/><\/a>\n\t\t\t<\/div><\/figure><figure class='gallery-item'>\n\t\t\t<div class='gallery-icon landscape'>\n\t\t\t\t<a href='https:\/\/itayachtscanada.com\/fr\/listing\/belize-66-daybridge-2025-3945000-usd-for-sale\/capture-decran-le-2025-11-04-a-15-40-13\/'><img loading=\"lazy\" decoding=\"async\" width=\"150\" height=\"150\" src=\"https:\/\/i0.wp.com\/itayachtscanada.com\/wp-content\/uploads\/2025\/11\/Capture-decran-le-2025-11-04-a-15.40.13.jpg?resize=150%2C150&amp;ssl=1\" class=\"attachment-thumbnail size-thumbnail\" alt=\"\" srcset=\"https:\/\/i0.wp.com\/itayachtscanada.com\/wp-content\/uploads\/2025\/11\/Capture-decran-le-2025-11-04-a-15.40.13.jpg?resize=150%2C150&amp;ssl=1 150w, https:\/\/i0.wp.com\/itayachtscanada.com\/wp-content\/uploads\/2025\/11\/Capture-decran-le-2025-11-04-a-15.40.13.jpg?resize=60%2C60&amp;ssl=1 60w, https:\/\/i0.wp.com\/itayachtscanada.com\/wp-content\/uploads\/2025\/11\/Capture-decran-le-2025-11-04-a-15.40.13.jpg?resize=80%2C80&amp;ssl=1 80w, https:\/\/i0.wp.com\/itayachtscanada.com\/wp-content\/uploads\/2025\/11\/Capture-decran-le-2025-11-04-a-15.40.13.jpg?resize=100%2C100&amp;ssl=1 100w, https:\/\/i0.wp.com\/itayachtscanada.com\/wp-content\/uploads\/2025\/11\/Capture-decran-le-2025-11-04-a-15.40.13.jpg?resize=50%2C50&amp;ssl=1 50w, https:\/\/i0.wp.com\/itayachtscanada.com\/wp-content\/uploads\/2025\/11\/Capture-decran-le-2025-11-04-a-15.40.13.jpg?zoom=2&amp;resize=150%2C150&amp;ssl=1 300w, https:\/\/i0.wp.com\/itayachtscanada.com\/wp-content\/uploads\/2025\/11\/Capture-decran-le-2025-11-04-a-15.40.13.jpg?zoom=3&amp;resize=150%2C150&amp;ssl=1 450w\" sizes=\"auto, (max-width: 150px) 100vw, 150px\" data-attachment-id=\"292591\" data-permalink=\"https:\/\/itayachtscanada.com\/fr\/listing\/belize-66-daybridge-2025-3945000-usd-for-sale\/capture-decran-le-2025-11-04-a-15-40-13\/\" data-orig-file=\"https:\/\/i0.wp.com\/itayachtscanada.com\/wp-content\/uploads\/2025\/11\/Capture-decran-le-2025-11-04-a-15.40.13.jpg?fit=1260%2C820&amp;ssl=1\" data-orig-size=\"1260,820\" data-comments-opened=\"1\" data-image-meta=\"{&quot;aperture&quot;:&quot;0&quot;,&quot;credit&quot;:&quot;&quot;,&quot;camera&quot;:&quot;&quot;,&quot;caption&quot;:&quot;&quot;,&quot;created_timestamp&quot;:&quot;0&quot;,&quot;copyright&quot;:&quot;&quot;,&quot;focal_length&quot;:&quot;0&quot;,&quot;iso&quot;:&quot;0&quot;,&quot;shutter_speed&quot;:&quot;0&quot;,&quot;title&quot;:&quot;&quot;,&quot;orientation&quot;:&quot;0&quot;}\" data-image-title=\"Capture d\u2019e\u0301cran, le 2025-11-04 a\u0300 15.40.13\" data-image-description=\"\" data-image-caption=\"\" data-large-file=\"https:\/\/i0.wp.com\/itayachtscanada.com\/wp-content\/uploads\/2025\/11\/Capture-decran-le-2025-11-04-a-15.40.13.jpg?fit=700%2C455&amp;ssl=1\" \/><\/a>\n\t\t\t<\/div><\/figure><figure class='gallery-item'>\n\t\t\t<div class='gallery-icon landscape'>\n\t\t\t\t<a href='https:\/\/itayachtscanada.com\/fr\/listing\/belize-66-daybridge-2025-3945000-usd-for-sale\/capture-decran-le-2025-11-04-a-15-40-09\/'><img loading=\"lazy\" decoding=\"async\" width=\"150\" height=\"150\" src=\"https:\/\/i0.wp.com\/itayachtscanada.com\/wp-content\/uploads\/2025\/11\/Capture-decran-le-2025-11-04-a-15.40.09.jpg?resize=150%2C150&amp;ssl=1\" class=\"attachment-thumbnail size-thumbnail\" alt=\"\" srcset=\"https:\/\/i0.wp.com\/itayachtscanada.com\/wp-content\/uploads\/2025\/11\/Capture-decran-le-2025-11-04-a-15.40.09.jpg?resize=150%2C150&amp;ssl=1 150w, https:\/\/i0.wp.com\/itayachtscanada.com\/wp-content\/uploads\/2025\/11\/Capture-decran-le-2025-11-04-a-15.40.09.jpg?resize=60%2C60&amp;ssl=1 60w, https:\/\/i0.wp.com\/itayachtscanada.com\/wp-content\/uploads\/2025\/11\/Capture-decran-le-2025-11-04-a-15.40.09.jpg?resize=80%2C80&amp;ssl=1 80w, https:\/\/i0.wp.com\/itayachtscanada.com\/wp-content\/uploads\/2025\/11\/Capture-decran-le-2025-11-04-a-15.40.09.jpg?resize=100%2C100&amp;ssl=1 100w, https:\/\/i0.wp.com\/itayachtscanada.com\/wp-content\/uploads\/2025\/11\/Capture-decran-le-2025-11-04-a-15.40.09.jpg?resize=50%2C50&amp;ssl=1 50w, https:\/\/i0.wp.com\/itayachtscanada.com\/wp-content\/uploads\/2025\/11\/Capture-decran-le-2025-11-04-a-15.40.09.jpg?zoom=2&amp;resize=150%2C150&amp;ssl=1 300w, https:\/\/i0.wp.com\/itayachtscanada.com\/wp-content\/uploads\/2025\/11\/Capture-decran-le-2025-11-04-a-15.40.09.jpg?zoom=3&amp;resize=150%2C150&amp;ssl=1 450w\" sizes=\"auto, (max-width: 150px) 100vw, 150px\" data-attachment-id=\"292592\" data-permalink=\"https:\/\/itayachtscanada.com\/fr\/listing\/belize-66-daybridge-2025-3945000-usd-for-sale\/capture-decran-le-2025-11-04-a-15-40-09\/\" data-orig-file=\"https:\/\/i0.wp.com\/itayachtscanada.com\/wp-content\/uploads\/2025\/11\/Capture-decran-le-2025-11-04-a-15.40.09.jpg?fit=1260%2C820&amp;ssl=1\" data-orig-size=\"1260,820\" data-comments-opened=\"1\" data-image-meta=\"{&quot;aperture&quot;:&quot;0&quot;,&quot;credit&quot;:&quot;&quot;,&quot;camera&quot;:&quot;&quot;,&quot;caption&quot;:&quot;&quot;,&quot;created_timestamp&quot;:&quot;0&quot;,&quot;copyright&quot;:&quot;&quot;,&quot;focal_length&quot;:&quot;0&quot;,&quot;iso&quot;:&quot;0&quot;,&quot;shutter_speed&quot;:&quot;0&quot;,&quot;title&quot;:&quot;&quot;,&quot;orientation&quot;:&quot;0&quot;}\" data-image-title=\"Capture d\u2019e\u0301cran, le 2025-11-04 a\u0300 15.40.09\" data-image-description=\"\" data-image-caption=\"\" data-large-file=\"https:\/\/i0.wp.com\/itayachtscanada.com\/wp-content\/uploads\/2025\/11\/Capture-decran-le-2025-11-04-a-15.40.09.jpg?fit=700%2C455&amp;ssl=1\" \/><\/a>\n\t\t\t<\/div><\/figure><figure class='gallery-item'>\n\t\t\t<div class='gallery-icon landscape'>\n\t\t\t\t<a href='https:\/\/itayachtscanada.com\/fr\/listing\/belize-66-daybridge-2025-3945000-usd-for-sale\/capture-decran-le-2025-11-04-a-15-46-19\/'><img loading=\"lazy\" decoding=\"async\" width=\"150\" height=\"150\" src=\"https:\/\/i0.wp.com\/itayachtscanada.com\/wp-content\/uploads\/2025\/11\/Capture-decran-le-2025-11-04-a-15.46.19.jpg?resize=150%2C150&amp;ssl=1\" class=\"attachment-thumbnail size-thumbnail\" alt=\"\" srcset=\"https:\/\/i0.wp.com\/itayachtscanada.com\/wp-content\/uploads\/2025\/11\/Capture-decran-le-2025-11-04-a-15.46.19.jpg?resize=150%2C150&amp;ssl=1 150w, https:\/\/i0.wp.com\/itayachtscanada.com\/wp-content\/uploads\/2025\/11\/Capture-decran-le-2025-11-04-a-15.46.19.jpg?resize=60%2C60&amp;ssl=1 60w, https:\/\/i0.wp.com\/itayachtscanada.com\/wp-content\/uploads\/2025\/11\/Capture-decran-le-2025-11-04-a-15.46.19.jpg?resize=80%2C80&amp;ssl=1 80w, https:\/\/i0.wp.com\/itayachtscanada.com\/wp-content\/uploads\/2025\/11\/Capture-decran-le-2025-11-04-a-15.46.19.jpg?resize=100%2C100&amp;ssl=1 100w, https:\/\/i0.wp.com\/itayachtscanada.com\/wp-content\/uploads\/2025\/11\/Capture-decran-le-2025-11-04-a-15.46.19.jpg?resize=50%2C50&amp;ssl=1 50w, https:\/\/i0.wp.com\/itayachtscanada.com\/wp-content\/uploads\/2025\/11\/Capture-decran-le-2025-11-04-a-15.46.19.jpg?zoom=2&amp;resize=150%2C150&amp;ssl=1 300w, https:\/\/i0.wp.com\/itayachtscanada.com\/wp-content\/uploads\/2025\/11\/Capture-decran-le-2025-11-04-a-15.46.19.jpg?zoom=3&amp;resize=150%2C150&amp;ssl=1 450w\" sizes=\"auto, (max-width: 150px) 100vw, 150px\" data-attachment-id=\"292545\" data-permalink=\"https:\/\/itayachtscanada.com\/fr\/listing\/belize-66-daybridge-2025-3945000-usd-for-sale\/capture-decran-le-2025-11-04-a-15-46-19\/\" data-orig-file=\"https:\/\/i0.wp.com\/itayachtscanada.com\/wp-content\/uploads\/2025\/11\/Capture-decran-le-2025-11-04-a-15.46.19.jpg?fit=1316%2C986&amp;ssl=1\" data-orig-size=\"1316,986\" data-comments-opened=\"1\" data-image-meta=\"{&quot;aperture&quot;:&quot;0&quot;,&quot;credit&quot;:&quot;&quot;,&quot;camera&quot;:&quot;&quot;,&quot;caption&quot;:&quot;&quot;,&quot;created_timestamp&quot;:&quot;0&quot;,&quot;copyright&quot;:&quot;&quot;,&quot;focal_length&quot;:&quot;0&quot;,&quot;iso&quot;:&quot;0&quot;,&quot;shutter_speed&quot;:&quot;0&quot;,&quot;title&quot;:&quot;&quot;,&quot;orientation&quot;:&quot;0&quot;}\" data-image-title=\"Capture d\u2019e\u0301cran, le 2025-11-04 a\u0300 15.46.19\" data-image-description=\"\" data-image-caption=\"\" data-large-file=\"https:\/\/i0.wp.com\/itayachtscanada.com\/wp-content\/uploads\/2025\/11\/Capture-decran-le-2025-11-04-a-15.46.19.jpg?fit=700%2C524&amp;ssl=1\" \/><\/a>\n\t\t\t<\/div><\/figure><figure class='gallery-item'>\n\t\t\t<div class='gallery-icon landscape'>\n\t\t\t\t<a href='https:\/\/itayachtscanada.com\/fr\/listing\/belize-66-daybridge-2025-3945000-usd-for-sale\/capture-decran-le-2025-11-04-a-15-43-07\/'><img loading=\"lazy\" decoding=\"async\" width=\"150\" height=\"150\" src=\"https:\/\/i0.wp.com\/itayachtscanada.com\/wp-content\/uploads\/2025\/11\/Capture-decran-le-2025-11-04-a-15.43.07.jpg?resize=150%2C150&amp;ssl=1\" class=\"attachment-thumbnail size-thumbnail\" alt=\"\" srcset=\"https:\/\/i0.wp.com\/itayachtscanada.com\/wp-content\/uploads\/2025\/11\/Capture-decran-le-2025-11-04-a-15.43.07.jpg?resize=150%2C150&amp;ssl=1 150w, https:\/\/i0.wp.com\/itayachtscanada.com\/wp-content\/uploads\/2025\/11\/Capture-decran-le-2025-11-04-a-15.43.07.jpg?resize=60%2C60&amp;ssl=1 60w, https:\/\/i0.wp.com\/itayachtscanada.com\/wp-content\/uploads\/2025\/11\/Capture-decran-le-2025-11-04-a-15.43.07.jpg?resize=80%2C80&amp;ssl=1 80w, https:\/\/i0.wp.com\/itayachtscanada.com\/wp-content\/uploads\/2025\/11\/Capture-decran-le-2025-11-04-a-15.43.07.jpg?resize=100%2C100&amp;ssl=1 100w, https:\/\/i0.wp.com\/itayachtscanada.com\/wp-content\/uploads\/2025\/11\/Capture-decran-le-2025-11-04-a-15.43.07.jpg?resize=50%2C50&amp;ssl=1 50w, https:\/\/i0.wp.com\/itayachtscanada.com\/wp-content\/uploads\/2025\/11\/Capture-decran-le-2025-11-04-a-15.43.07.jpg?zoom=2&amp;resize=150%2C150&amp;ssl=1 300w, https:\/\/i0.wp.com\/itayachtscanada.com\/wp-content\/uploads\/2025\/11\/Capture-decran-le-2025-11-04-a-15.43.07.jpg?zoom=3&amp;resize=150%2C150&amp;ssl=1 450w\" sizes=\"auto, (max-width: 150px) 100vw, 150px\" data-attachment-id=\"292566\" data-permalink=\"https:\/\/itayachtscanada.com\/fr\/listing\/belize-66-daybridge-2025-3945000-usd-for-sale\/capture-decran-le-2025-11-04-a-15-43-07\/\" data-orig-file=\"https:\/\/i0.wp.com\/itayachtscanada.com\/wp-content\/uploads\/2025\/11\/Capture-decran-le-2025-11-04-a-15.43.07.jpg?fit=1260%2C820&amp;ssl=1\" data-orig-size=\"1260,820\" data-comments-opened=\"1\" data-image-meta=\"{&quot;aperture&quot;:&quot;0&quot;,&quot;credit&quot;:&quot;&quot;,&quot;camera&quot;:&quot;&quot;,&quot;caption&quot;:&quot;&quot;,&quot;created_timestamp&quot;:&quot;0&quot;,&quot;copyright&quot;:&quot;&quot;,&quot;focal_length&quot;:&quot;0&quot;,&quot;iso&quot;:&quot;0&quot;,&quot;shutter_speed&quot;:&quot;0&quot;,&quot;title&quot;:&quot;&quot;,&quot;orientation&quot;:&quot;0&quot;}\" data-image-title=\"Capture d\u2019e\u0301cran, le 2025-11-04 a\u0300 15.43.07\" data-image-description=\"\" data-image-caption=\"\" data-large-file=\"https:\/\/i0.wp.com\/itayachtscanada.com\/wp-content\/uploads\/2025\/11\/Capture-decran-le-2025-11-04-a-15.43.07.jpg?fit=700%2C455&amp;ssl=1\" \/><\/a>\n\t\t\t<\/div><\/figure><figure class='gallery-item'>\n\t\t\t<div class='gallery-icon landscape'>\n\t\t\t\t<a href='https:\/\/itayachtscanada.com\/fr\/listing\/belize-66-daybridge-2025-3945000-usd-for-sale\/capture-decran-le-2025-11-04-a-15-43-02\/'><img loading=\"lazy\" decoding=\"async\" width=\"150\" height=\"150\" src=\"https:\/\/i0.wp.com\/itayachtscanada.com\/wp-content\/uploads\/2025\/11\/Capture-decran-le-2025-11-04-a-15.43.02.jpg?resize=150%2C150&amp;ssl=1\" class=\"attachment-thumbnail size-thumbnail\" alt=\"\" srcset=\"https:\/\/i0.wp.com\/itayachtscanada.com\/wp-content\/uploads\/2025\/11\/Capture-decran-le-2025-11-04-a-15.43.02.jpg?resize=150%2C150&amp;ssl=1 150w, https:\/\/i0.wp.com\/itayachtscanada.com\/wp-content\/uploads\/2025\/11\/Capture-decran-le-2025-11-04-a-15.43.02.jpg?resize=60%2C60&amp;ssl=1 60w, https:\/\/i0.wp.com\/itayachtscanada.com\/wp-content\/uploads\/2025\/11\/Capture-decran-le-2025-11-04-a-15.43.02.jpg?resize=80%2C80&amp;ssl=1 80w, https:\/\/i0.wp.com\/itayachtscanada.com\/wp-content\/uploads\/2025\/11\/Capture-decran-le-2025-11-04-a-15.43.02.jpg?resize=100%2C100&amp;ssl=1 100w, https:\/\/i0.wp.com\/itayachtscanada.com\/wp-content\/uploads\/2025\/11\/Capture-decran-le-2025-11-04-a-15.43.02.jpg?resize=50%2C50&amp;ssl=1 50w, https:\/\/i0.wp.com\/itayachtscanada.com\/wp-content\/uploads\/2025\/11\/Capture-decran-le-2025-11-04-a-15.43.02.jpg?zoom=2&amp;resize=150%2C150&amp;ssl=1 300w, https:\/\/i0.wp.com\/itayachtscanada.com\/wp-content\/uploads\/2025\/11\/Capture-decran-le-2025-11-04-a-15.43.02.jpg?zoom=3&amp;resize=150%2C150&amp;ssl=1 450w\" sizes=\"auto, (max-width: 150px) 100vw, 150px\" data-attachment-id=\"292567\" data-permalink=\"https:\/\/itayachtscanada.com\/fr\/listing\/belize-66-daybridge-2025-3945000-usd-for-sale\/capture-decran-le-2025-11-04-a-15-43-02\/\" data-orig-file=\"https:\/\/i0.wp.com\/itayachtscanada.com\/wp-content\/uploads\/2025\/11\/Capture-decran-le-2025-11-04-a-15.43.02.jpg?fit=1260%2C820&amp;ssl=1\" data-orig-size=\"1260,820\" data-comments-opened=\"1\" data-image-meta=\"{&quot;aperture&quot;:&quot;0&quot;,&quot;credit&quot;:&quot;&quot;,&quot;camera&quot;:&quot;&quot;,&quot;caption&quot;:&quot;&quot;,&quot;created_timestamp&quot;:&quot;0&quot;,&quot;copyright&quot;:&quot;&quot;,&quot;focal_length&quot;:&quot;0&quot;,&quot;iso&quot;:&quot;0&quot;,&quot;shutter_speed&quot;:&quot;0&quot;,&quot;title&quot;:&quot;&quot;,&quot;orientation&quot;:&quot;0&quot;}\" data-image-title=\"Capture d\u2019e\u0301cran, le 2025-11-04 a\u0300 15.43.02\" data-image-description=\"\" data-image-caption=\"\" data-large-file=\"https:\/\/i0.wp.com\/itayachtscanada.com\/wp-content\/uploads\/2025\/11\/Capture-decran-le-2025-11-04-a-15.43.02.jpg?fit=700%2C455&amp;ssl=1\" \/><\/a>\n\t\t\t<\/div><\/figure><figure class='gallery-item'>\n\t\t\t<div class='gallery-icon landscape'>\n\t\t\t\t<a href='https:\/\/itayachtscanada.com\/fr\/listing\/belize-66-daybridge-2025-3945000-usd-for-sale\/capture-decran-le-2025-11-04-a-15-42-58\/'><img loading=\"lazy\" decoding=\"async\" width=\"150\" height=\"150\" src=\"https:\/\/i0.wp.com\/itayachtscanada.com\/wp-content\/uploads\/2025\/11\/Capture-decran-le-2025-11-04-a-15.42.58.jpg?resize=150%2C150&amp;ssl=1\" class=\"attachment-thumbnail size-thumbnail\" alt=\"\" srcset=\"https:\/\/i0.wp.com\/itayachtscanada.com\/wp-content\/uploads\/2025\/11\/Capture-decran-le-2025-11-04-a-15.42.58.jpg?resize=150%2C150&amp;ssl=1 150w, https:\/\/i0.wp.com\/itayachtscanada.com\/wp-content\/uploads\/2025\/11\/Capture-decran-le-2025-11-04-a-15.42.58.jpg?resize=60%2C60&amp;ssl=1 60w, https:\/\/i0.wp.com\/itayachtscanada.com\/wp-content\/uploads\/2025\/11\/Capture-decran-le-2025-11-04-a-15.42.58.jpg?resize=80%2C80&amp;ssl=1 80w, https:\/\/i0.wp.com\/itayachtscanada.com\/wp-content\/uploads\/2025\/11\/Capture-decran-le-2025-11-04-a-15.42.58.jpg?resize=100%2C100&amp;ssl=1 100w, https:\/\/i0.wp.com\/itayachtscanada.com\/wp-content\/uploads\/2025\/11\/Capture-decran-le-2025-11-04-a-15.42.58.jpg?resize=50%2C50&amp;ssl=1 50w, https:\/\/i0.wp.com\/itayachtscanada.com\/wp-content\/uploads\/2025\/11\/Capture-decran-le-2025-11-04-a-15.42.58.jpg?zoom=2&amp;resize=150%2C150&amp;ssl=1 300w, https:\/\/i0.wp.com\/itayachtscanada.com\/wp-content\/uploads\/2025\/11\/Capture-decran-le-2025-11-04-a-15.42.58.jpg?zoom=3&amp;resize=150%2C150&amp;ssl=1 450w\" sizes=\"auto, (max-width: 150px) 100vw, 150px\" data-attachment-id=\"292568\" data-permalink=\"https:\/\/itayachtscanada.com\/fr\/listing\/belize-66-daybridge-2025-3945000-usd-for-sale\/capture-decran-le-2025-11-04-a-15-42-58\/\" data-orig-file=\"https:\/\/i0.wp.com\/itayachtscanada.com\/wp-content\/uploads\/2025\/11\/Capture-decran-le-2025-11-04-a-15.42.58.jpg?fit=1260%2C820&amp;ssl=1\" data-orig-size=\"1260,820\" data-comments-opened=\"1\" data-image-meta=\"{&quot;aperture&quot;:&quot;0&quot;,&quot;credit&quot;:&quot;&quot;,&quot;camera&quot;:&quot;&quot;,&quot;caption&quot;:&quot;&quot;,&quot;created_timestamp&quot;:&quot;0&quot;,&quot;copyright&quot;:&quot;&quot;,&quot;focal_length&quot;:&quot;0&quot;,&quot;iso&quot;:&quot;0&quot;,&quot;shutter_speed&quot;:&quot;0&quot;,&quot;title&quot;:&quot;&quot;,&quot;orientation&quot;:&quot;0&quot;}\" data-image-title=\"Capture d\u2019e\u0301cran, le 2025-11-04 a\u0300 15.42.58\" data-image-description=\"\" data-image-caption=\"\" data-large-file=\"https:\/\/i0.wp.com\/itayachtscanada.com\/wp-content\/uploads\/2025\/11\/Capture-decran-le-2025-11-04-a-15.42.58.jpg?fit=700%2C455&amp;ssl=1\" \/><\/a>\n\t\t\t<\/div><\/figure><figure class='gallery-item'>\n\t\t\t<div class='gallery-icon landscape'>\n\t\t\t\t<a href='https:\/\/itayachtscanada.com\/fr\/listing\/belize-66-daybridge-2025-3945000-usd-for-sale\/capture-decran-le-2025-11-04-a-15-42-54\/'><img loading=\"lazy\" decoding=\"async\" width=\"150\" height=\"150\" src=\"https:\/\/i0.wp.com\/itayachtscanada.com\/wp-content\/uploads\/2025\/11\/Capture-decran-le-2025-11-04-a-15.42.54.jpg?resize=150%2C150&amp;ssl=1\" class=\"attachment-thumbnail size-thumbnail\" alt=\"\" srcset=\"https:\/\/i0.wp.com\/itayachtscanada.com\/wp-content\/uploads\/2025\/11\/Capture-decran-le-2025-11-04-a-15.42.54.jpg?resize=150%2C150&amp;ssl=1 150w, https:\/\/i0.wp.com\/itayachtscanada.com\/wp-content\/uploads\/2025\/11\/Capture-decran-le-2025-11-04-a-15.42.54.jpg?resize=60%2C60&amp;ssl=1 60w, https:\/\/i0.wp.com\/itayachtscanada.com\/wp-content\/uploads\/2025\/11\/Capture-decran-le-2025-11-04-a-15.42.54.jpg?resize=80%2C80&amp;ssl=1 80w, https:\/\/i0.wp.com\/itayachtscanada.com\/wp-content\/uploads\/2025\/11\/Capture-decran-le-2025-11-04-a-15.42.54.jpg?resize=100%2C100&amp;ssl=1 100w, https:\/\/i0.wp.com\/itayachtscanada.com\/wp-content\/uploads\/2025\/11\/Capture-decran-le-2025-11-04-a-15.42.54.jpg?resize=50%2C50&amp;ssl=1 50w, https:\/\/i0.wp.com\/itayachtscanada.com\/wp-content\/uploads\/2025\/11\/Capture-decran-le-2025-11-04-a-15.42.54.jpg?zoom=2&amp;resize=150%2C150&amp;ssl=1 300w, https:\/\/i0.wp.com\/itayachtscanada.com\/wp-content\/uploads\/2025\/11\/Capture-decran-le-2025-11-04-a-15.42.54.jpg?zoom=3&amp;resize=150%2C150&amp;ssl=1 450w\" sizes=\"auto, (max-width: 150px) 100vw, 150px\" data-attachment-id=\"292569\" data-permalink=\"https:\/\/itayachtscanada.com\/fr\/listing\/belize-66-daybridge-2025-3945000-usd-for-sale\/capture-decran-le-2025-11-04-a-15-42-54\/\" data-orig-file=\"https:\/\/i0.wp.com\/itayachtscanada.com\/wp-content\/uploads\/2025\/11\/Capture-decran-le-2025-11-04-a-15.42.54.jpg?fit=1260%2C820&amp;ssl=1\" data-orig-size=\"1260,820\" data-comments-opened=\"1\" data-image-meta=\"{&quot;aperture&quot;:&quot;0&quot;,&quot;credit&quot;:&quot;&quot;,&quot;camera&quot;:&quot;&quot;,&quot;caption&quot;:&quot;&quot;,&quot;created_timestamp&quot;:&quot;0&quot;,&quot;copyright&quot;:&quot;&quot;,&quot;focal_length&quot;:&quot;0&quot;,&quot;iso&quot;:&quot;0&quot;,&quot;shutter_speed&quot;:&quot;0&quot;,&quot;title&quot;:&quot;&quot;,&quot;orientation&quot;:&quot;0&quot;}\" data-image-title=\"Capture d\u2019e\u0301cran, le 2025-11-04 a\u0300 15.42.54\" data-image-description=\"\" data-image-caption=\"\" data-large-file=\"https:\/\/i0.wp.com\/itayachtscanada.com\/wp-content\/uploads\/2025\/11\/Capture-decran-le-2025-11-04-a-15.42.54.jpg?fit=700%2C455&amp;ssl=1\" \/><\/a>\n\t\t\t<\/div><\/figure><figure class='gallery-item'>\n\t\t\t<div class='gallery-icon landscape'>\n\t\t\t\t<a href='https:\/\/itayachtscanada.com\/fr\/listing\/belize-66-daybridge-2025-3945000-usd-for-sale\/capture-decran-le-2025-11-04-a-15-42-50\/'><img loading=\"lazy\" decoding=\"async\" width=\"150\" height=\"150\" src=\"https:\/\/i0.wp.com\/itayachtscanada.com\/wp-content\/uploads\/2025\/11\/Capture-decran-le-2025-11-04-a-15.42.50.jpg?resize=150%2C150&amp;ssl=1\" class=\"attachment-thumbnail size-thumbnail\" alt=\"\" srcset=\"https:\/\/i0.wp.com\/itayachtscanada.com\/wp-content\/uploads\/2025\/11\/Capture-decran-le-2025-11-04-a-15.42.50.jpg?resize=150%2C150&amp;ssl=1 150w, https:\/\/i0.wp.com\/itayachtscanada.com\/wp-content\/uploads\/2025\/11\/Capture-decran-le-2025-11-04-a-15.42.50.jpg?resize=60%2C60&amp;ssl=1 60w, https:\/\/i0.wp.com\/itayachtscanada.com\/wp-content\/uploads\/2025\/11\/Capture-decran-le-2025-11-04-a-15.42.50.jpg?resize=80%2C80&amp;ssl=1 80w, https:\/\/i0.wp.com\/itayachtscanada.com\/wp-content\/uploads\/2025\/11\/Capture-decran-le-2025-11-04-a-15.42.50.jpg?resize=100%2C100&amp;ssl=1 100w, https:\/\/i0.wp.com\/itayachtscanada.com\/wp-content\/uploads\/2025\/11\/Capture-decran-le-2025-11-04-a-15.42.50.jpg?resize=50%2C50&amp;ssl=1 50w, https:\/\/i0.wp.com\/itayachtscanada.com\/wp-content\/uploads\/2025\/11\/Capture-decran-le-2025-11-04-a-15.42.50.jpg?zoom=2&amp;resize=150%2C150&amp;ssl=1 300w, https:\/\/i0.wp.com\/itayachtscanada.com\/wp-content\/uploads\/2025\/11\/Capture-decran-le-2025-11-04-a-15.42.50.jpg?zoom=3&amp;resize=150%2C150&amp;ssl=1 450w\" sizes=\"auto, (max-width: 150px) 100vw, 150px\" data-attachment-id=\"292570\" data-permalink=\"https:\/\/itayachtscanada.com\/fr\/listing\/belize-66-daybridge-2025-3945000-usd-for-sale\/capture-decran-le-2025-11-04-a-15-42-50\/\" data-orig-file=\"https:\/\/i0.wp.com\/itayachtscanada.com\/wp-content\/uploads\/2025\/11\/Capture-decran-le-2025-11-04-a-15.42.50.jpg?fit=1260%2C820&amp;ssl=1\" data-orig-size=\"1260,820\" data-comments-opened=\"1\" data-image-meta=\"{&quot;aperture&quot;:&quot;0&quot;,&quot;credit&quot;:&quot;&quot;,&quot;camera&quot;:&quot;&quot;,&quot;caption&quot;:&quot;&quot;,&quot;created_timestamp&quot;:&quot;0&quot;,&quot;copyright&quot;:&quot;&quot;,&quot;focal_length&quot;:&quot;0&quot;,&quot;iso&quot;:&quot;0&quot;,&quot;shutter_speed&quot;:&quot;0&quot;,&quot;title&quot;:&quot;&quot;,&quot;orientation&quot;:&quot;0&quot;}\" data-image-title=\"Capture d\u2019e\u0301cran, le 2025-11-04 a\u0300 15.42.50\" data-image-description=\"\" data-image-caption=\"\" data-large-file=\"https:\/\/i0.wp.com\/itayachtscanada.com\/wp-content\/uploads\/2025\/11\/Capture-decran-le-2025-11-04-a-15.42.50.jpg?fit=700%2C455&amp;ssl=1\" \/><\/a>\n\t\t\t<\/div><\/figure><figure class='gallery-item'>\n\t\t\t<div class='gallery-icon landscape'>\n\t\t\t\t<a href='https:\/\/itayachtscanada.com\/fr\/listing\/belize-66-daybridge-2025-3945000-usd-for-sale\/capture-decran-le-2025-11-04-a-15-42-45\/'><img loading=\"lazy\" decoding=\"async\" width=\"150\" height=\"150\" src=\"https:\/\/i0.wp.com\/itayachtscanada.com\/wp-content\/uploads\/2025\/11\/Capture-decran-le-2025-11-04-a-15.42.45.jpg?resize=150%2C150&amp;ssl=1\" class=\"attachment-thumbnail size-thumbnail\" alt=\"\" srcset=\"https:\/\/i0.wp.com\/itayachtscanada.com\/wp-content\/uploads\/2025\/11\/Capture-decran-le-2025-11-04-a-15.42.45.jpg?resize=150%2C150&amp;ssl=1 150w, https:\/\/i0.wp.com\/itayachtscanada.com\/wp-content\/uploads\/2025\/11\/Capture-decran-le-2025-11-04-a-15.42.45.jpg?resize=60%2C60&amp;ssl=1 60w, https:\/\/i0.wp.com\/itayachtscanada.com\/wp-content\/uploads\/2025\/11\/Capture-decran-le-2025-11-04-a-15.42.45.jpg?resize=80%2C80&amp;ssl=1 80w, https:\/\/i0.wp.com\/itayachtscanada.com\/wp-content\/uploads\/2025\/11\/Capture-decran-le-2025-11-04-a-15.42.45.jpg?resize=100%2C100&amp;ssl=1 100w, https:\/\/i0.wp.com\/itayachtscanada.com\/wp-content\/uploads\/2025\/11\/Capture-decran-le-2025-11-04-a-15.42.45.jpg?resize=50%2C50&amp;ssl=1 50w, https:\/\/i0.wp.com\/itayachtscanada.com\/wp-content\/uploads\/2025\/11\/Capture-decran-le-2025-11-04-a-15.42.45.jpg?zoom=2&amp;resize=150%2C150&amp;ssl=1 300w, https:\/\/i0.wp.com\/itayachtscanada.com\/wp-content\/uploads\/2025\/11\/Capture-decran-le-2025-11-04-a-15.42.45.jpg?zoom=3&amp;resize=150%2C150&amp;ssl=1 450w\" sizes=\"auto, (max-width: 150px) 100vw, 150px\" data-attachment-id=\"292571\" data-permalink=\"https:\/\/itayachtscanada.com\/fr\/listing\/belize-66-daybridge-2025-3945000-usd-for-sale\/capture-decran-le-2025-11-04-a-15-42-45\/\" data-orig-file=\"https:\/\/i0.wp.com\/itayachtscanada.com\/wp-content\/uploads\/2025\/11\/Capture-decran-le-2025-11-04-a-15.42.45.jpg?fit=1260%2C820&amp;ssl=1\" data-orig-size=\"1260,820\" data-comments-opened=\"1\" data-image-meta=\"{&quot;aperture&quot;:&quot;0&quot;,&quot;credit&quot;:&quot;&quot;,&quot;camera&quot;:&quot;&quot;,&quot;caption&quot;:&quot;&quot;,&quot;created_timestamp&quot;:&quot;0&quot;,&quot;copyright&quot;:&quot;&quot;,&quot;focal_length&quot;:&quot;0&quot;,&quot;iso&quot;:&quot;0&quot;,&quot;shutter_speed&quot;:&quot;0&quot;,&quot;title&quot;:&quot;&quot;,&quot;orientation&quot;:&quot;0&quot;}\" data-image-title=\"Capture d\u2019e\u0301cran, le 2025-11-04 a\u0300 15.42.45\" data-image-description=\"\" data-image-caption=\"\" data-large-file=\"https:\/\/i0.wp.com\/itayachtscanada.com\/wp-content\/uploads\/2025\/11\/Capture-decran-le-2025-11-04-a-15.42.45.jpg?fit=700%2C455&amp;ssl=1\" \/><\/a>\n\t\t\t<\/div><\/figure><figure class='gallery-item'>\n\t\t\t<div class='gallery-icon landscape'>\n\t\t\t\t<a href='https:\/\/itayachtscanada.com\/fr\/listing\/belize-66-daybridge-2025-3945000-usd-for-sale\/capture-decran-le-2025-11-04-a-15-42-41\/'><img loading=\"lazy\" decoding=\"async\" width=\"150\" height=\"150\" src=\"https:\/\/i0.wp.com\/itayachtscanada.com\/wp-content\/uploads\/2025\/11\/Capture-decran-le-2025-11-04-a-15.42.41.jpg?resize=150%2C150&amp;ssl=1\" class=\"attachment-thumbnail size-thumbnail\" alt=\"\" srcset=\"https:\/\/i0.wp.com\/itayachtscanada.com\/wp-content\/uploads\/2025\/11\/Capture-decran-le-2025-11-04-a-15.42.41.jpg?resize=150%2C150&amp;ssl=1 150w, https:\/\/i0.wp.com\/itayachtscanada.com\/wp-content\/uploads\/2025\/11\/Capture-decran-le-2025-11-04-a-15.42.41.jpg?resize=60%2C60&amp;ssl=1 60w, https:\/\/i0.wp.com\/itayachtscanada.com\/wp-content\/uploads\/2025\/11\/Capture-decran-le-2025-11-04-a-15.42.41.jpg?resize=80%2C80&amp;ssl=1 80w, https:\/\/i0.wp.com\/itayachtscanada.com\/wp-content\/uploads\/2025\/11\/Capture-decran-le-2025-11-04-a-15.42.41.jpg?resize=100%2C100&amp;ssl=1 100w, https:\/\/i0.wp.com\/itayachtscanada.com\/wp-content\/uploads\/2025\/11\/Capture-decran-le-2025-11-04-a-15.42.41.jpg?resize=50%2C50&amp;ssl=1 50w, https:\/\/i0.wp.com\/itayachtscanada.com\/wp-content\/uploads\/2025\/11\/Capture-decran-le-2025-11-04-a-15.42.41.jpg?zoom=2&amp;resize=150%2C150&amp;ssl=1 300w, https:\/\/i0.wp.com\/itayachtscanada.com\/wp-content\/uploads\/2025\/11\/Capture-decran-le-2025-11-04-a-15.42.41.jpg?zoom=3&amp;resize=150%2C150&amp;ssl=1 450w\" sizes=\"auto, (max-width: 150px) 100vw, 150px\" data-attachment-id=\"292572\" data-permalink=\"https:\/\/itayachtscanada.com\/fr\/listing\/belize-66-daybridge-2025-3945000-usd-for-sale\/capture-decran-le-2025-11-04-a-15-42-41\/\" data-orig-file=\"https:\/\/i0.wp.com\/itayachtscanada.com\/wp-content\/uploads\/2025\/11\/Capture-decran-le-2025-11-04-a-15.42.41.jpg?fit=1260%2C820&amp;ssl=1\" data-orig-size=\"1260,820\" data-comments-opened=\"1\" data-image-meta=\"{&quot;aperture&quot;:&quot;0&quot;,&quot;credit&quot;:&quot;&quot;,&quot;camera&quot;:&quot;&quot;,&quot;caption&quot;:&quot;&quot;,&quot;created_timestamp&quot;:&quot;0&quot;,&quot;copyright&quot;:&quot;&quot;,&quot;focal_length&quot;:&quot;0&quot;,&quot;iso&quot;:&quot;0&quot;,&quot;shutter_speed&quot;:&quot;0&quot;,&quot;title&quot;:&quot;&quot;,&quot;orientation&quot;:&quot;0&quot;}\" data-image-title=\"Capture d\u2019e\u0301cran, le 2025-11-04 a\u0300 15.42.41\" data-image-description=\"\" data-image-caption=\"\" data-large-file=\"https:\/\/i0.wp.com\/itayachtscanada.com\/wp-content\/uploads\/2025\/11\/Capture-decran-le-2025-11-04-a-15.42.41.jpg?fit=700%2C455&amp;ssl=1\" \/><\/a>\n\t\t\t<\/div><\/figure><figure class='gallery-item'>\n\t\t\t<div class='gallery-icon landscape'>\n\t\t\t\t<a href='https:\/\/itayachtscanada.com\/fr\/listing\/belize-66-daybridge-2025-3945000-usd-for-sale\/capture-decran-le-2025-11-04-a-15-42-37\/'><img loading=\"lazy\" decoding=\"async\" width=\"150\" height=\"150\" src=\"https:\/\/i0.wp.com\/itayachtscanada.com\/wp-content\/uploads\/2025\/11\/Capture-decran-le-2025-11-04-a-15.42.37.jpg?resize=150%2C150&amp;ssl=1\" class=\"attachment-thumbnail size-thumbnail\" alt=\"\" srcset=\"https:\/\/i0.wp.com\/itayachtscanada.com\/wp-content\/uploads\/2025\/11\/Capture-decran-le-2025-11-04-a-15.42.37.jpg?resize=150%2C150&amp;ssl=1 150w, https:\/\/i0.wp.com\/itayachtscanada.com\/wp-content\/uploads\/2025\/11\/Capture-decran-le-2025-11-04-a-15.42.37.jpg?resize=60%2C60&amp;ssl=1 60w, https:\/\/i0.wp.com\/itayachtscanada.com\/wp-content\/uploads\/2025\/11\/Capture-decran-le-2025-11-04-a-15.42.37.jpg?resize=80%2C80&amp;ssl=1 80w, https:\/\/i0.wp.com\/itayachtscanada.com\/wp-content\/uploads\/2025\/11\/Capture-decran-le-2025-11-04-a-15.42.37.jpg?resize=100%2C100&amp;ssl=1 100w, https:\/\/i0.wp.com\/itayachtscanada.com\/wp-content\/uploads\/2025\/11\/Capture-decran-le-2025-11-04-a-15.42.37.jpg?resize=50%2C50&amp;ssl=1 50w, https:\/\/i0.wp.com\/itayachtscanada.com\/wp-content\/uploads\/2025\/11\/Capture-decran-le-2025-11-04-a-15.42.37.jpg?zoom=2&amp;resize=150%2C150&amp;ssl=1 300w, https:\/\/i0.wp.com\/itayachtscanada.com\/wp-content\/uploads\/2025\/11\/Capture-decran-le-2025-11-04-a-15.42.37.jpg?zoom=3&amp;resize=150%2C150&amp;ssl=1 450w\" sizes=\"auto, (max-width: 150px) 100vw, 150px\" data-attachment-id=\"292573\" data-permalink=\"https:\/\/itayachtscanada.com\/fr\/listing\/belize-66-daybridge-2025-3945000-usd-for-sale\/capture-decran-le-2025-11-04-a-15-42-37\/\" data-orig-file=\"https:\/\/i0.wp.com\/itayachtscanada.com\/wp-content\/uploads\/2025\/11\/Capture-decran-le-2025-11-04-a-15.42.37.jpg?fit=1260%2C820&amp;ssl=1\" data-orig-size=\"1260,820\" data-comments-opened=\"1\" data-image-meta=\"{&quot;aperture&quot;:&quot;0&quot;,&quot;credit&quot;:&quot;&quot;,&quot;camera&quot;:&quot;&quot;,&quot;caption&quot;:&quot;&quot;,&quot;created_timestamp&quot;:&quot;0&quot;,&quot;copyright&quot;:&quot;&quot;,&quot;focal_length&quot;:&quot;0&quot;,&quot;iso&quot;:&quot;0&quot;,&quot;shutter_speed&quot;:&quot;0&quot;,&quot;title&quot;:&quot;&quot;,&quot;orientation&quot;:&quot;0&quot;}\" data-image-title=\"Capture d\u2019e\u0301cran, le 2025-11-04 a\u0300 15.42.37\" data-image-description=\"\" data-image-caption=\"\" data-large-file=\"https:\/\/i0.wp.com\/itayachtscanada.com\/wp-content\/uploads\/2025\/11\/Capture-decran-le-2025-11-04-a-15.42.37.jpg?fit=700%2C455&amp;ssl=1\" \/><\/a>\n\t\t\t<\/div><\/figure><figure class='gallery-item'>\n\t\t\t<div class='gallery-icon landscape'>\n\t\t\t\t<a href='https:\/\/itayachtscanada.com\/fr\/listing\/belize-66-daybridge-2025-3945000-usd-for-sale\/capture-decran-le-2025-11-04-a-15-42-33\/'><img loading=\"lazy\" decoding=\"async\" width=\"150\" height=\"150\" src=\"https:\/\/i0.wp.com\/itayachtscanada.com\/wp-content\/uploads\/2025\/11\/Capture-decran-le-2025-11-04-a-15.42.33.jpg?resize=150%2C150&amp;ssl=1\" class=\"attachment-thumbnail size-thumbnail\" alt=\"\" srcset=\"https:\/\/i0.wp.com\/itayachtscanada.com\/wp-content\/uploads\/2025\/11\/Capture-decran-le-2025-11-04-a-15.42.33.jpg?resize=150%2C150&amp;ssl=1 150w, https:\/\/i0.wp.com\/itayachtscanada.com\/wp-content\/uploads\/2025\/11\/Capture-decran-le-2025-11-04-a-15.42.33.jpg?resize=60%2C60&amp;ssl=1 60w, https:\/\/i0.wp.com\/itayachtscanada.com\/wp-content\/uploads\/2025\/11\/Capture-decran-le-2025-11-04-a-15.42.33.jpg?resize=80%2C80&amp;ssl=1 80w, https:\/\/i0.wp.com\/itayachtscanada.com\/wp-content\/uploads\/2025\/11\/Capture-decran-le-2025-11-04-a-15.42.33.jpg?resize=100%2C100&amp;ssl=1 100w, https:\/\/i0.wp.com\/itayachtscanada.com\/wp-content\/uploads\/2025\/11\/Capture-decran-le-2025-11-04-a-15.42.33.jpg?resize=50%2C50&amp;ssl=1 50w, https:\/\/i0.wp.com\/itayachtscanada.com\/wp-content\/uploads\/2025\/11\/Capture-decran-le-2025-11-04-a-15.42.33.jpg?zoom=2&amp;resize=150%2C150&amp;ssl=1 300w, https:\/\/i0.wp.com\/itayachtscanada.com\/wp-content\/uploads\/2025\/11\/Capture-decran-le-2025-11-04-a-15.42.33.jpg?zoom=3&amp;resize=150%2C150&amp;ssl=1 450w\" sizes=\"auto, (max-width: 150px) 100vw, 150px\" data-attachment-id=\"292574\" data-permalink=\"https:\/\/itayachtscanada.com\/fr\/listing\/belize-66-daybridge-2025-3945000-usd-for-sale\/capture-decran-le-2025-11-04-a-15-42-33\/\" data-orig-file=\"https:\/\/i0.wp.com\/itayachtscanada.com\/wp-content\/uploads\/2025\/11\/Capture-decran-le-2025-11-04-a-15.42.33.jpg?fit=1260%2C820&amp;ssl=1\" data-orig-size=\"1260,820\" data-comments-opened=\"1\" data-image-meta=\"{&quot;aperture&quot;:&quot;0&quot;,&quot;credit&quot;:&quot;&quot;,&quot;camera&quot;:&quot;&quot;,&quot;caption&quot;:&quot;&quot;,&quot;created_timestamp&quot;:&quot;0&quot;,&quot;copyright&quot;:&quot;&quot;,&quot;focal_length&quot;:&quot;0&quot;,&quot;iso&quot;:&quot;0&quot;,&quot;shutter_speed&quot;:&quot;0&quot;,&quot;title&quot;:&quot;&quot;,&quot;orientation&quot;:&quot;0&quot;}\" data-image-title=\"Capture d\u2019e\u0301cran, le 2025-11-04 a\u0300 15.42.33\" data-image-description=\"\" data-image-caption=\"\" data-large-file=\"https:\/\/i0.wp.com\/itayachtscanada.com\/wp-content\/uploads\/2025\/11\/Capture-decran-le-2025-11-04-a-15.42.33.jpg?fit=700%2C455&amp;ssl=1\" \/><\/a>\n\t\t\t<\/div><\/figure><figure class='gallery-item'>\n\t\t\t<div class='gallery-icon landscape'>\n\t\t\t\t<a href='https:\/\/itayachtscanada.com\/fr\/listing\/belize-66-daybridge-2025-3945000-usd-for-sale\/capture-decran-le-2025-11-04-a-15-42-30\/'><img loading=\"lazy\" decoding=\"async\" width=\"150\" height=\"150\" src=\"https:\/\/i0.wp.com\/itayachtscanada.com\/wp-content\/uploads\/2025\/11\/Capture-decran-le-2025-11-04-a-15.42.30.jpg?resize=150%2C150&amp;ssl=1\" class=\"attachment-thumbnail size-thumbnail\" alt=\"\" srcset=\"https:\/\/i0.wp.com\/itayachtscanada.com\/wp-content\/uploads\/2025\/11\/Capture-decran-le-2025-11-04-a-15.42.30.jpg?resize=150%2C150&amp;ssl=1 150w, https:\/\/i0.wp.com\/itayachtscanada.com\/wp-content\/uploads\/2025\/11\/Capture-decran-le-2025-11-04-a-15.42.30.jpg?resize=60%2C60&amp;ssl=1 60w, https:\/\/i0.wp.com\/itayachtscanada.com\/wp-content\/uploads\/2025\/11\/Capture-decran-le-2025-11-04-a-15.42.30.jpg?resize=80%2C80&amp;ssl=1 80w, https:\/\/i0.wp.com\/itayachtscanada.com\/wp-content\/uploads\/2025\/11\/Capture-decran-le-2025-11-04-a-15.42.30.jpg?resize=100%2C100&amp;ssl=1 100w, https:\/\/i0.wp.com\/itayachtscanada.com\/wp-content\/uploads\/2025\/11\/Capture-decran-le-2025-11-04-a-15.42.30.jpg?resize=50%2C50&amp;ssl=1 50w, https:\/\/i0.wp.com\/itayachtscanada.com\/wp-content\/uploads\/2025\/11\/Capture-decran-le-2025-11-04-a-15.42.30.jpg?zoom=2&amp;resize=150%2C150&amp;ssl=1 300w, https:\/\/i0.wp.com\/itayachtscanada.com\/wp-content\/uploads\/2025\/11\/Capture-decran-le-2025-11-04-a-15.42.30.jpg?zoom=3&amp;resize=150%2C150&amp;ssl=1 450w\" sizes=\"auto, (max-width: 150px) 100vw, 150px\" data-attachment-id=\"292575\" data-permalink=\"https:\/\/itayachtscanada.com\/fr\/listing\/belize-66-daybridge-2025-3945000-usd-for-sale\/capture-decran-le-2025-11-04-a-15-42-30\/\" data-orig-file=\"https:\/\/i0.wp.com\/itayachtscanada.com\/wp-content\/uploads\/2025\/11\/Capture-decran-le-2025-11-04-a-15.42.30.jpg?fit=1260%2C820&amp;ssl=1\" data-orig-size=\"1260,820\" data-comments-opened=\"1\" data-image-meta=\"{&quot;aperture&quot;:&quot;0&quot;,&quot;credit&quot;:&quot;&quot;,&quot;camera&quot;:&quot;&quot;,&quot;caption&quot;:&quot;&quot;,&quot;created_timestamp&quot;:&quot;0&quot;,&quot;copyright&quot;:&quot;&quot;,&quot;focal_length&quot;:&quot;0&quot;,&quot;iso&quot;:&quot;0&quot;,&quot;shutter_speed&quot;:&quot;0&quot;,&quot;title&quot;:&quot;&quot;,&quot;orientation&quot;:&quot;0&quot;}\" data-image-title=\"Capture d\u2019e\u0301cran, le 2025-11-04 a\u0300 15.42.30\" data-image-description=\"\" data-image-caption=\"\" data-large-file=\"https:\/\/i0.wp.com\/itayachtscanada.com\/wp-content\/uploads\/2025\/11\/Capture-decran-le-2025-11-04-a-15.42.30.jpg?fit=700%2C455&amp;ssl=1\" \/><\/a>\n\t\t\t<\/div><\/figure><figure class='gallery-item'>\n\t\t\t<div class='gallery-icon landscape'>\n\t\t\t\t<a href='https:\/\/itayachtscanada.com\/fr\/listing\/belize-66-daybridge-2025-3945000-usd-for-sale\/capture-decran-le-2025-11-04-a-15-42-26\/'><img loading=\"lazy\" decoding=\"async\" width=\"150\" height=\"150\" src=\"https:\/\/i0.wp.com\/itayachtscanada.com\/wp-content\/uploads\/2025\/11\/Capture-decran-le-2025-11-04-a-15.42.26.jpg?resize=150%2C150&amp;ssl=1\" class=\"attachment-thumbnail size-thumbnail\" alt=\"\" srcset=\"https:\/\/i0.wp.com\/itayachtscanada.com\/wp-content\/uploads\/2025\/11\/Capture-decran-le-2025-11-04-a-15.42.26.jpg?resize=150%2C150&amp;ssl=1 150w, https:\/\/i0.wp.com\/itayachtscanada.com\/wp-content\/uploads\/2025\/11\/Capture-decran-le-2025-11-04-a-15.42.26.jpg?resize=60%2C60&amp;ssl=1 60w, https:\/\/i0.wp.com\/itayachtscanada.com\/wp-content\/uploads\/2025\/11\/Capture-decran-le-2025-11-04-a-15.42.26.jpg?resize=80%2C80&amp;ssl=1 80w, https:\/\/i0.wp.com\/itayachtscanada.com\/wp-content\/uploads\/2025\/11\/Capture-decran-le-2025-11-04-a-15.42.26.jpg?resize=100%2C100&amp;ssl=1 100w, https:\/\/i0.wp.com\/itayachtscanada.com\/wp-content\/uploads\/2025\/11\/Capture-decran-le-2025-11-04-a-15.42.26.jpg?resize=50%2C50&amp;ssl=1 50w, https:\/\/i0.wp.com\/itayachtscanada.com\/wp-content\/uploads\/2025\/11\/Capture-decran-le-2025-11-04-a-15.42.26.jpg?zoom=2&amp;resize=150%2C150&amp;ssl=1 300w, https:\/\/i0.wp.com\/itayachtscanada.com\/wp-content\/uploads\/2025\/11\/Capture-decran-le-2025-11-04-a-15.42.26.jpg?zoom=3&amp;resize=150%2C150&amp;ssl=1 450w\" sizes=\"auto, (max-width: 150px) 100vw, 150px\" data-attachment-id=\"292576\" data-permalink=\"https:\/\/itayachtscanada.com\/fr\/listing\/belize-66-daybridge-2025-3945000-usd-for-sale\/capture-decran-le-2025-11-04-a-15-42-26\/\" data-orig-file=\"https:\/\/i0.wp.com\/itayachtscanada.com\/wp-content\/uploads\/2025\/11\/Capture-decran-le-2025-11-04-a-15.42.26.jpg?fit=1260%2C820&amp;ssl=1\" data-orig-size=\"1260,820\" data-comments-opened=\"1\" data-image-meta=\"{&quot;aperture&quot;:&quot;0&quot;,&quot;credit&quot;:&quot;&quot;,&quot;camera&quot;:&quot;&quot;,&quot;caption&quot;:&quot;&quot;,&quot;created_timestamp&quot;:&quot;0&quot;,&quot;copyright&quot;:&quot;&quot;,&quot;focal_length&quot;:&quot;0&quot;,&quot;iso&quot;:&quot;0&quot;,&quot;shutter_speed&quot;:&quot;0&quot;,&quot;title&quot;:&quot;&quot;,&quot;orientation&quot;:&quot;0&quot;}\" data-image-title=\"Capture d\u2019e\u0301cran, le 2025-11-04 a\u0300 15.42.26\" data-image-description=\"\" data-image-caption=\"\" data-large-file=\"https:\/\/i0.wp.com\/itayachtscanada.com\/wp-content\/uploads\/2025\/11\/Capture-decran-le-2025-11-04-a-15.42.26.jpg?fit=700%2C455&amp;ssl=1\" \/><\/a>\n\t\t\t<\/div><\/figure><figure class='gallery-item'>\n\t\t\t<div class='gallery-icon landscape'>\n\t\t\t\t<a href='https:\/\/itayachtscanada.com\/fr\/listing\/belize-66-daybridge-2025-3945000-usd-for-sale\/capture-decran-le-2025-11-04-a-15-42-23\/'><img loading=\"lazy\" decoding=\"async\" width=\"150\" height=\"150\" src=\"https:\/\/i0.wp.com\/itayachtscanada.com\/wp-content\/uploads\/2025\/11\/Capture-decran-le-2025-11-04-a-15.42.23.jpg?resize=150%2C150&amp;ssl=1\" class=\"attachment-thumbnail size-thumbnail\" alt=\"\" srcset=\"https:\/\/i0.wp.com\/itayachtscanada.com\/wp-content\/uploads\/2025\/11\/Capture-decran-le-2025-11-04-a-15.42.23.jpg?resize=150%2C150&amp;ssl=1 150w, https:\/\/i0.wp.com\/itayachtscanada.com\/wp-content\/uploads\/2025\/11\/Capture-decran-le-2025-11-04-a-15.42.23.jpg?resize=60%2C60&amp;ssl=1 60w, https:\/\/i0.wp.com\/itayachtscanada.com\/wp-content\/uploads\/2025\/11\/Capture-decran-le-2025-11-04-a-15.42.23.jpg?resize=80%2C80&amp;ssl=1 80w, https:\/\/i0.wp.com\/itayachtscanada.com\/wp-content\/uploads\/2025\/11\/Capture-decran-le-2025-11-04-a-15.42.23.jpg?resize=100%2C100&amp;ssl=1 100w, https:\/\/i0.wp.com\/itayachtscanada.com\/wp-content\/uploads\/2025\/11\/Capture-decran-le-2025-11-04-a-15.42.23.jpg?resize=50%2C50&amp;ssl=1 50w, https:\/\/i0.wp.com\/itayachtscanada.com\/wp-content\/uploads\/2025\/11\/Capture-decran-le-2025-11-04-a-15.42.23.jpg?zoom=2&amp;resize=150%2C150&amp;ssl=1 300w, https:\/\/i0.wp.com\/itayachtscanada.com\/wp-content\/uploads\/2025\/11\/Capture-decran-le-2025-11-04-a-15.42.23.jpg?zoom=3&amp;resize=150%2C150&amp;ssl=1 450w\" sizes=\"auto, (max-width: 150px) 100vw, 150px\" data-attachment-id=\"292577\" data-permalink=\"https:\/\/itayachtscanada.com\/fr\/listing\/belize-66-daybridge-2025-3945000-usd-for-sale\/capture-decran-le-2025-11-04-a-15-42-23\/\" data-orig-file=\"https:\/\/i0.wp.com\/itayachtscanada.com\/wp-content\/uploads\/2025\/11\/Capture-decran-le-2025-11-04-a-15.42.23.jpg?fit=1260%2C820&amp;ssl=1\" data-orig-size=\"1260,820\" data-comments-opened=\"1\" data-image-meta=\"{&quot;aperture&quot;:&quot;0&quot;,&quot;credit&quot;:&quot;&quot;,&quot;camera&quot;:&quot;&quot;,&quot;caption&quot;:&quot;&quot;,&quot;created_timestamp&quot;:&quot;0&quot;,&quot;copyright&quot;:&quot;&quot;,&quot;focal_length&quot;:&quot;0&quot;,&quot;iso&quot;:&quot;0&quot;,&quot;shutter_speed&quot;:&quot;0&quot;,&quot;title&quot;:&quot;&quot;,&quot;orientation&quot;:&quot;0&quot;}\" data-image-title=\"Capture d\u2019e\u0301cran, le 2025-11-04 a\u0300 15.42.23\" data-image-description=\"\" data-image-caption=\"\" data-large-file=\"https:\/\/i0.wp.com\/itayachtscanada.com\/wp-content\/uploads\/2025\/11\/Capture-decran-le-2025-11-04-a-15.42.23.jpg?fit=700%2C455&amp;ssl=1\" \/><\/a>\n\t\t\t<\/div><\/figure><figure class='gallery-item'>\n\t\t\t<div class='gallery-icon landscape'>\n\t\t\t\t<a href='https:\/\/itayachtscanada.com\/fr\/listing\/belize-66-daybridge-2025-3945000-usd-for-sale\/capture-decran-le-2025-11-04-a-15-42-19\/'><img loading=\"lazy\" decoding=\"async\" width=\"150\" height=\"150\" src=\"https:\/\/i0.wp.com\/itayachtscanada.com\/wp-content\/uploads\/2025\/11\/Capture-decran-le-2025-11-04-a-15.42.19.jpg?resize=150%2C150&amp;ssl=1\" class=\"attachment-thumbnail size-thumbnail\" alt=\"\" srcset=\"https:\/\/i0.wp.com\/itayachtscanada.com\/wp-content\/uploads\/2025\/11\/Capture-decran-le-2025-11-04-a-15.42.19.jpg?resize=150%2C150&amp;ssl=1 150w, https:\/\/i0.wp.com\/itayachtscanada.com\/wp-content\/uploads\/2025\/11\/Capture-decran-le-2025-11-04-a-15.42.19.jpg?resize=60%2C60&amp;ssl=1 60w, https:\/\/i0.wp.com\/itayachtscanada.com\/wp-content\/uploads\/2025\/11\/Capture-decran-le-2025-11-04-a-15.42.19.jpg?resize=80%2C80&amp;ssl=1 80w, https:\/\/i0.wp.com\/itayachtscanada.com\/wp-content\/uploads\/2025\/11\/Capture-decran-le-2025-11-04-a-15.42.19.jpg?resize=100%2C100&amp;ssl=1 100w, https:\/\/i0.wp.com\/itayachtscanada.com\/wp-content\/uploads\/2025\/11\/Capture-decran-le-2025-11-04-a-15.42.19.jpg?resize=50%2C50&amp;ssl=1 50w, https:\/\/i0.wp.com\/itayachtscanada.com\/wp-content\/uploads\/2025\/11\/Capture-decran-le-2025-11-04-a-15.42.19.jpg?zoom=2&amp;resize=150%2C150&amp;ssl=1 300w, https:\/\/i0.wp.com\/itayachtscanada.com\/wp-content\/uploads\/2025\/11\/Capture-decran-le-2025-11-04-a-15.42.19.jpg?zoom=3&amp;resize=150%2C150&amp;ssl=1 450w\" sizes=\"auto, (max-width: 150px) 100vw, 150px\" data-attachment-id=\"292578\" data-permalink=\"https:\/\/itayachtscanada.com\/fr\/listing\/belize-66-daybridge-2025-3945000-usd-for-sale\/capture-decran-le-2025-11-04-a-15-42-19\/\" data-orig-file=\"https:\/\/i0.wp.com\/itayachtscanada.com\/wp-content\/uploads\/2025\/11\/Capture-decran-le-2025-11-04-a-15.42.19.jpg?fit=1260%2C820&amp;ssl=1\" data-orig-size=\"1260,820\" data-comments-opened=\"1\" data-image-meta=\"{&quot;aperture&quot;:&quot;0&quot;,&quot;credit&quot;:&quot;&quot;,&quot;camera&quot;:&quot;&quot;,&quot;caption&quot;:&quot;&quot;,&quot;created_timestamp&quot;:&quot;0&quot;,&quot;copyright&quot;:&quot;&quot;,&quot;focal_length&quot;:&quot;0&quot;,&quot;iso&quot;:&quot;0&quot;,&quot;shutter_speed&quot;:&quot;0&quot;,&quot;title&quot;:&quot;&quot;,&quot;orientation&quot;:&quot;0&quot;}\" data-image-title=\"Capture d\u2019e\u0301cran, le 2025-11-04 a\u0300 15.42.19\" data-image-description=\"\" data-image-caption=\"\" data-large-file=\"https:\/\/i0.wp.com\/itayachtscanada.com\/wp-content\/uploads\/2025\/11\/Capture-decran-le-2025-11-04-a-15.42.19.jpg?fit=700%2C455&amp;ssl=1\" \/><\/a>\n\t\t\t<\/div><\/figure><figure class='gallery-item'>\n\t\t\t<div class='gallery-icon landscape'>\n\t\t\t\t<a href='https:\/\/itayachtscanada.com\/fr\/listing\/belize-66-daybridge-2025-3945000-usd-for-sale\/capture-decran-le-2025-11-04-a-15-46-09\/'><img loading=\"lazy\" decoding=\"async\" width=\"150\" height=\"150\" src=\"https:\/\/i0.wp.com\/itayachtscanada.com\/wp-content\/uploads\/2025\/11\/Capture-decran-le-2025-11-04-a-15.46.09.jpg?resize=150%2C150&amp;ssl=1\" class=\"attachment-thumbnail size-thumbnail\" alt=\"\" srcset=\"https:\/\/i0.wp.com\/itayachtscanada.com\/wp-content\/uploads\/2025\/11\/Capture-decran-le-2025-11-04-a-15.46.09.jpg?resize=150%2C150&amp;ssl=1 150w, https:\/\/i0.wp.com\/itayachtscanada.com\/wp-content\/uploads\/2025\/11\/Capture-decran-le-2025-11-04-a-15.46.09.jpg?resize=60%2C60&amp;ssl=1 60w, https:\/\/i0.wp.com\/itayachtscanada.com\/wp-content\/uploads\/2025\/11\/Capture-decran-le-2025-11-04-a-15.46.09.jpg?resize=80%2C80&amp;ssl=1 80w, https:\/\/i0.wp.com\/itayachtscanada.com\/wp-content\/uploads\/2025\/11\/Capture-decran-le-2025-11-04-a-15.46.09.jpg?resize=100%2C100&amp;ssl=1 100w, https:\/\/i0.wp.com\/itayachtscanada.com\/wp-content\/uploads\/2025\/11\/Capture-decran-le-2025-11-04-a-15.46.09.jpg?resize=50%2C50&amp;ssl=1 50w, https:\/\/i0.wp.com\/itayachtscanada.com\/wp-content\/uploads\/2025\/11\/Capture-decran-le-2025-11-04-a-15.46.09.jpg?zoom=2&amp;resize=150%2C150&amp;ssl=1 300w, https:\/\/i0.wp.com\/itayachtscanada.com\/wp-content\/uploads\/2025\/11\/Capture-decran-le-2025-11-04-a-15.46.09.jpg?zoom=3&amp;resize=150%2C150&amp;ssl=1 450w\" sizes=\"auto, (max-width: 150px) 100vw, 150px\" data-attachment-id=\"292547\" data-permalink=\"https:\/\/itayachtscanada.com\/fr\/listing\/belize-66-daybridge-2025-3945000-usd-for-sale\/capture-decran-le-2025-11-04-a-15-46-09\/\" data-orig-file=\"https:\/\/i0.wp.com\/itayachtscanada.com\/wp-content\/uploads\/2025\/11\/Capture-decran-le-2025-11-04-a-15.46.09.jpg?fit=1316%2C986&amp;ssl=1\" data-orig-size=\"1316,986\" data-comments-opened=\"1\" data-image-meta=\"{&quot;aperture&quot;:&quot;0&quot;,&quot;credit&quot;:&quot;&quot;,&quot;camera&quot;:&quot;&quot;,&quot;caption&quot;:&quot;&quot;,&quot;created_timestamp&quot;:&quot;0&quot;,&quot;copyright&quot;:&quot;&quot;,&quot;focal_length&quot;:&quot;0&quot;,&quot;iso&quot;:&quot;0&quot;,&quot;shutter_speed&quot;:&quot;0&quot;,&quot;title&quot;:&quot;&quot;,&quot;orientation&quot;:&quot;0&quot;}\" data-image-title=\"Capture d\u2019e\u0301cran, le 2025-11-04 a\u0300 15.46.09\" data-image-description=\"\" data-image-caption=\"\" data-large-file=\"https:\/\/i0.wp.com\/itayachtscanada.com\/wp-content\/uploads\/2025\/11\/Capture-decran-le-2025-11-04-a-15.46.09.jpg?fit=700%2C524&amp;ssl=1\" \/><\/a>\n\t\t\t<\/div><\/figure><figure class='gallery-item'>\n\t\t\t<div class='gallery-icon landscape'>\n\t\t\t\t<a href='https:\/\/itayachtscanada.com\/fr\/listing\/belize-66-daybridge-2025-3945000-usd-for-sale\/capture-decran-le-2025-11-04-a-15-40-30\/'><img loading=\"lazy\" decoding=\"async\" width=\"150\" height=\"150\" src=\"https:\/\/i0.wp.com\/itayachtscanada.com\/wp-content\/uploads\/2025\/11\/Capture-decran-le-2025-11-04-a-15.40.30.jpg?resize=150%2C150&amp;ssl=1\" class=\"attachment-thumbnail size-thumbnail\" alt=\"\" srcset=\"https:\/\/i0.wp.com\/itayachtscanada.com\/wp-content\/uploads\/2025\/11\/Capture-decran-le-2025-11-04-a-15.40.30.jpg?resize=150%2C150&amp;ssl=1 150w, https:\/\/i0.wp.com\/itayachtscanada.com\/wp-content\/uploads\/2025\/11\/Capture-decran-le-2025-11-04-a-15.40.30.jpg?resize=60%2C60&amp;ssl=1 60w, https:\/\/i0.wp.com\/itayachtscanada.com\/wp-content\/uploads\/2025\/11\/Capture-decran-le-2025-11-04-a-15.40.30.jpg?resize=80%2C80&amp;ssl=1 80w, https:\/\/i0.wp.com\/itayachtscanada.com\/wp-content\/uploads\/2025\/11\/Capture-decran-le-2025-11-04-a-15.40.30.jpg?resize=100%2C100&amp;ssl=1 100w, https:\/\/i0.wp.com\/itayachtscanada.com\/wp-content\/uploads\/2025\/11\/Capture-decran-le-2025-11-04-a-15.40.30.jpg?resize=50%2C50&amp;ssl=1 50w, https:\/\/i0.wp.com\/itayachtscanada.com\/wp-content\/uploads\/2025\/11\/Capture-decran-le-2025-11-04-a-15.40.30.jpg?zoom=2&amp;resize=150%2C150&amp;ssl=1 300w, https:\/\/i0.wp.com\/itayachtscanada.com\/wp-content\/uploads\/2025\/11\/Capture-decran-le-2025-11-04-a-15.40.30.jpg?zoom=3&amp;resize=150%2C150&amp;ssl=1 450w\" sizes=\"auto, (max-width: 150px) 100vw, 150px\" data-attachment-id=\"292586\" data-permalink=\"https:\/\/itayachtscanada.com\/fr\/listing\/belize-66-daybridge-2025-3945000-usd-for-sale\/capture-decran-le-2025-11-04-a-15-40-30\/\" data-orig-file=\"https:\/\/i0.wp.com\/itayachtscanada.com\/wp-content\/uploads\/2025\/11\/Capture-decran-le-2025-11-04-a-15.40.30.jpg?fit=1260%2C820&amp;ssl=1\" data-orig-size=\"1260,820\" data-comments-opened=\"1\" data-image-meta=\"{&quot;aperture&quot;:&quot;0&quot;,&quot;credit&quot;:&quot;&quot;,&quot;camera&quot;:&quot;&quot;,&quot;caption&quot;:&quot;&quot;,&quot;created_timestamp&quot;:&quot;0&quot;,&quot;copyright&quot;:&quot;&quot;,&quot;focal_length&quot;:&quot;0&quot;,&quot;iso&quot;:&quot;0&quot;,&quot;shutter_speed&quot;:&quot;0&quot;,&quot;title&quot;:&quot;&quot;,&quot;orientation&quot;:&quot;0&quot;}\" data-image-title=\"Capture d\u2019e\u0301cran, le 2025-11-04 a\u0300 15.40.30\" data-image-description=\"\" data-image-caption=\"\" data-large-file=\"https:\/\/i0.wp.com\/itayachtscanada.com\/wp-content\/uploads\/2025\/11\/Capture-decran-le-2025-11-04-a-15.40.30.jpg?fit=700%2C455&amp;ssl=1\" \/><\/a>\n\t\t\t<\/div><\/figure><figure class='gallery-item'>\n\t\t\t<div class='gallery-icon landscape'>\n\t\t\t\t<a href='https:\/\/itayachtscanada.com\/fr\/listing\/belize-66-daybridge-2025-3945000-usd-for-sale\/capture-decran-le-2025-11-04-a-15-40-34\/'><img loading=\"lazy\" decoding=\"async\" width=\"150\" height=\"150\" src=\"https:\/\/i0.wp.com\/itayachtscanada.com\/wp-content\/uploads\/2025\/11\/Capture-decran-le-2025-11-04-a-15.40.34.jpg?resize=150%2C150&amp;ssl=1\" class=\"attachment-thumbnail size-thumbnail\" alt=\"\" srcset=\"https:\/\/i0.wp.com\/itayachtscanada.com\/wp-content\/uploads\/2025\/11\/Capture-decran-le-2025-11-04-a-15.40.34.jpg?resize=150%2C150&amp;ssl=1 150w, https:\/\/i0.wp.com\/itayachtscanada.com\/wp-content\/uploads\/2025\/11\/Capture-decran-le-2025-11-04-a-15.40.34.jpg?resize=60%2C60&amp;ssl=1 60w, https:\/\/i0.wp.com\/itayachtscanada.com\/wp-content\/uploads\/2025\/11\/Capture-decran-le-2025-11-04-a-15.40.34.jpg?resize=80%2C80&amp;ssl=1 80w, https:\/\/i0.wp.com\/itayachtscanada.com\/wp-content\/uploads\/2025\/11\/Capture-decran-le-2025-11-04-a-15.40.34.jpg?resize=100%2C100&amp;ssl=1 100w, https:\/\/i0.wp.com\/itayachtscanada.com\/wp-content\/uploads\/2025\/11\/Capture-decran-le-2025-11-04-a-15.40.34.jpg?resize=50%2C50&amp;ssl=1 50w, https:\/\/i0.wp.com\/itayachtscanada.com\/wp-content\/uploads\/2025\/11\/Capture-decran-le-2025-11-04-a-15.40.34.jpg?zoom=2&amp;resize=150%2C150&amp;ssl=1 300w, https:\/\/i0.wp.com\/itayachtscanada.com\/wp-content\/uploads\/2025\/11\/Capture-decran-le-2025-11-04-a-15.40.34.jpg?zoom=3&amp;resize=150%2C150&amp;ssl=1 450w\" sizes=\"auto, (max-width: 150px) 100vw, 150px\" data-attachment-id=\"292585\" data-permalink=\"https:\/\/itayachtscanada.com\/fr\/listing\/belize-66-daybridge-2025-3945000-usd-for-sale\/capture-decran-le-2025-11-04-a-15-40-34\/\" data-orig-file=\"https:\/\/i0.wp.com\/itayachtscanada.com\/wp-content\/uploads\/2025\/11\/Capture-decran-le-2025-11-04-a-15.40.34.jpg?fit=1260%2C820&amp;ssl=1\" data-orig-size=\"1260,820\" data-comments-opened=\"1\" data-image-meta=\"{&quot;aperture&quot;:&quot;0&quot;,&quot;credit&quot;:&quot;&quot;,&quot;camera&quot;:&quot;&quot;,&quot;caption&quot;:&quot;&quot;,&quot;created_timestamp&quot;:&quot;0&quot;,&quot;copyright&quot;:&quot;&quot;,&quot;focal_length&quot;:&quot;0&quot;,&quot;iso&quot;:&quot;0&quot;,&quot;shutter_speed&quot;:&quot;0&quot;,&quot;title&quot;:&quot;&quot;,&quot;orientation&quot;:&quot;0&quot;}\" data-image-title=\"Capture d\u2019e\u0301cran, le 2025-11-04 a\u0300 15.40.34\" data-image-description=\"\" data-image-caption=\"\" data-large-file=\"https:\/\/i0.wp.com\/itayachtscanada.com\/wp-content\/uploads\/2025\/11\/Capture-decran-le-2025-11-04-a-15.40.34.jpg?fit=700%2C455&amp;ssl=1\" \/><\/a>\n\t\t\t<\/div><\/figure><figure class='gallery-item'>\n\t\t\t<div class='gallery-icon landscape'>\n\t\t\t\t<a href='https:\/\/itayachtscanada.com\/fr\/listing\/belize-66-daybridge-2025-3945000-usd-for-sale\/capture-decran-le-2025-11-04-a-15-40-37\/'><img loading=\"lazy\" decoding=\"async\" width=\"150\" height=\"150\" src=\"https:\/\/i0.wp.com\/itayachtscanada.com\/wp-content\/uploads\/2025\/11\/Capture-decran-le-2025-11-04-a-15.40.37.jpg?resize=150%2C150&amp;ssl=1\" class=\"attachment-thumbnail size-thumbnail\" alt=\"\" srcset=\"https:\/\/i0.wp.com\/itayachtscanada.com\/wp-content\/uploads\/2025\/11\/Capture-decran-le-2025-11-04-a-15.40.37.jpg?resize=150%2C150&amp;ssl=1 150w, https:\/\/i0.wp.com\/itayachtscanada.com\/wp-content\/uploads\/2025\/11\/Capture-decran-le-2025-11-04-a-15.40.37.jpg?resize=60%2C60&amp;ssl=1 60w, https:\/\/i0.wp.com\/itayachtscanada.com\/wp-content\/uploads\/2025\/11\/Capture-decran-le-2025-11-04-a-15.40.37.jpg?resize=80%2C80&amp;ssl=1 80w, https:\/\/i0.wp.com\/itayachtscanada.com\/wp-content\/uploads\/2025\/11\/Capture-decran-le-2025-11-04-a-15.40.37.jpg?resize=100%2C100&amp;ssl=1 100w, https:\/\/i0.wp.com\/itayachtscanada.com\/wp-content\/uploads\/2025\/11\/Capture-decran-le-2025-11-04-a-15.40.37.jpg?resize=50%2C50&amp;ssl=1 50w, https:\/\/i0.wp.com\/itayachtscanada.com\/wp-content\/uploads\/2025\/11\/Capture-decran-le-2025-11-04-a-15.40.37.jpg?zoom=2&amp;resize=150%2C150&amp;ssl=1 300w, https:\/\/i0.wp.com\/itayachtscanada.com\/wp-content\/uploads\/2025\/11\/Capture-decran-le-2025-11-04-a-15.40.37.jpg?zoom=3&amp;resize=150%2C150&amp;ssl=1 450w\" sizes=\"auto, (max-width: 150px) 100vw, 150px\" data-attachment-id=\"292584\" data-permalink=\"https:\/\/itayachtscanada.com\/fr\/listing\/belize-66-daybridge-2025-3945000-usd-for-sale\/capture-decran-le-2025-11-04-a-15-40-37\/\" data-orig-file=\"https:\/\/i0.wp.com\/itayachtscanada.com\/wp-content\/uploads\/2025\/11\/Capture-decran-le-2025-11-04-a-15.40.37.jpg?fit=1260%2C820&amp;ssl=1\" data-orig-size=\"1260,820\" data-comments-opened=\"1\" data-image-meta=\"{&quot;aperture&quot;:&quot;0&quot;,&quot;credit&quot;:&quot;&quot;,&quot;camera&quot;:&quot;&quot;,&quot;caption&quot;:&quot;&quot;,&quot;created_timestamp&quot;:&quot;0&quot;,&quot;copyright&quot;:&quot;&quot;,&quot;focal_length&quot;:&quot;0&quot;,&quot;iso&quot;:&quot;0&quot;,&quot;shutter_speed&quot;:&quot;0&quot;,&quot;title&quot;:&quot;&quot;,&quot;orientation&quot;:&quot;0&quot;}\" data-image-title=\"Capture d\u2019e\u0301cran, le 2025-11-04 a\u0300 15.40.37\" data-image-description=\"\" data-image-caption=\"\" data-large-file=\"https:\/\/i0.wp.com\/itayachtscanada.com\/wp-content\/uploads\/2025\/11\/Capture-decran-le-2025-11-04-a-15.40.37.jpg?fit=700%2C455&amp;ssl=1\" \/><\/a>\n\t\t\t<\/div><\/figure><figure class='gallery-item'>\n\t\t\t<div class='gallery-icon landscape'>\n\t\t\t\t<a href='https:\/\/itayachtscanada.com\/fr\/listing\/belize-66-daybridge-2025-3945000-usd-for-sale\/capture-decran-le-2025-11-04-a-15-41-13\/'><img loading=\"lazy\" decoding=\"async\" width=\"150\" height=\"150\" src=\"https:\/\/i0.wp.com\/itayachtscanada.com\/wp-content\/uploads\/2025\/11\/Capture-decran-le-2025-11-04-a-15.41.13.jpg?resize=150%2C150&amp;ssl=1\" class=\"attachment-thumbnail size-thumbnail\" alt=\"\" srcset=\"https:\/\/i0.wp.com\/itayachtscanada.com\/wp-content\/uploads\/2025\/11\/Capture-decran-le-2025-11-04-a-15.41.13.jpg?resize=150%2C150&amp;ssl=1 150w, https:\/\/i0.wp.com\/itayachtscanada.com\/wp-content\/uploads\/2025\/11\/Capture-decran-le-2025-11-04-a-15.41.13.jpg?resize=60%2C60&amp;ssl=1 60w, https:\/\/i0.wp.com\/itayachtscanada.com\/wp-content\/uploads\/2025\/11\/Capture-decran-le-2025-11-04-a-15.41.13.jpg?resize=80%2C80&amp;ssl=1 80w, https:\/\/i0.wp.com\/itayachtscanada.com\/wp-content\/uploads\/2025\/11\/Capture-decran-le-2025-11-04-a-15.41.13.jpg?resize=100%2C100&amp;ssl=1 100w, https:\/\/i0.wp.com\/itayachtscanada.com\/wp-content\/uploads\/2025\/11\/Capture-decran-le-2025-11-04-a-15.41.13.jpg?resize=50%2C50&amp;ssl=1 50w, https:\/\/i0.wp.com\/itayachtscanada.com\/wp-content\/uploads\/2025\/11\/Capture-decran-le-2025-11-04-a-15.41.13.jpg?zoom=2&amp;resize=150%2C150&amp;ssl=1 300w, https:\/\/i0.wp.com\/itayachtscanada.com\/wp-content\/uploads\/2025\/11\/Capture-decran-le-2025-11-04-a-15.41.13.jpg?zoom=3&amp;resize=150%2C150&amp;ssl=1 450w\" sizes=\"auto, (max-width: 150px) 100vw, 150px\" data-attachment-id=\"292579\" data-permalink=\"https:\/\/itayachtscanada.com\/fr\/listing\/belize-66-daybridge-2025-3945000-usd-for-sale\/capture-decran-le-2025-11-04-a-15-41-13\/\" data-orig-file=\"https:\/\/i0.wp.com\/itayachtscanada.com\/wp-content\/uploads\/2025\/11\/Capture-decran-le-2025-11-04-a-15.41.13.jpg?fit=1260%2C820&amp;ssl=1\" data-orig-size=\"1260,820\" data-comments-opened=\"1\" data-image-meta=\"{&quot;aperture&quot;:&quot;0&quot;,&quot;credit&quot;:&quot;&quot;,&quot;camera&quot;:&quot;&quot;,&quot;caption&quot;:&quot;&quot;,&quot;created_timestamp&quot;:&quot;0&quot;,&quot;copyright&quot;:&quot;&quot;,&quot;focal_length&quot;:&quot;0&quot;,&quot;iso&quot;:&quot;0&quot;,&quot;shutter_speed&quot;:&quot;0&quot;,&quot;title&quot;:&quot;&quot;,&quot;orientation&quot;:&quot;0&quot;}\" data-image-title=\"Capture d\u2019e\u0301cran, le 2025-11-04 a\u0300 15.41.13\" data-image-description=\"\" data-image-caption=\"\" data-large-file=\"https:\/\/i0.wp.com\/itayachtscanada.com\/wp-content\/uploads\/2025\/11\/Capture-decran-le-2025-11-04-a-15.41.13.jpg?fit=700%2C455&amp;ssl=1\" \/><\/a>\n\t\t\t<\/div><\/figure><figure class='gallery-item'>\n\t\t\t<div class='gallery-icon landscape'>\n\t\t\t\t<a href='https:\/\/itayachtscanada.com\/fr\/listing\/belize-66-daybridge-2025-3945000-usd-for-sale\/capture-decran-le-2025-11-04-a-15-41-09\/'><img loading=\"lazy\" decoding=\"async\" width=\"150\" height=\"150\" src=\"https:\/\/i0.wp.com\/itayachtscanada.com\/wp-content\/uploads\/2025\/11\/Capture-decran-le-2025-11-04-a-15.41.09.jpg?resize=150%2C150&amp;ssl=1\" class=\"attachment-thumbnail size-thumbnail\" alt=\"\" srcset=\"https:\/\/i0.wp.com\/itayachtscanada.com\/wp-content\/uploads\/2025\/11\/Capture-decran-le-2025-11-04-a-15.41.09.jpg?resize=150%2C150&amp;ssl=1 150w, https:\/\/i0.wp.com\/itayachtscanada.com\/wp-content\/uploads\/2025\/11\/Capture-decran-le-2025-11-04-a-15.41.09.jpg?resize=60%2C60&amp;ssl=1 60w, https:\/\/i0.wp.com\/itayachtscanada.com\/wp-content\/uploads\/2025\/11\/Capture-decran-le-2025-11-04-a-15.41.09.jpg?resize=80%2C80&amp;ssl=1 80w, https:\/\/i0.wp.com\/itayachtscanada.com\/wp-content\/uploads\/2025\/11\/Capture-decran-le-2025-11-04-a-15.41.09.jpg?resize=100%2C100&amp;ssl=1 100w, https:\/\/i0.wp.com\/itayachtscanada.com\/wp-content\/uploads\/2025\/11\/Capture-decran-le-2025-11-04-a-15.41.09.jpg?resize=50%2C50&amp;ssl=1 50w, https:\/\/i0.wp.com\/itayachtscanada.com\/wp-content\/uploads\/2025\/11\/Capture-decran-le-2025-11-04-a-15.41.09.jpg?zoom=2&amp;resize=150%2C150&amp;ssl=1 300w, https:\/\/i0.wp.com\/itayachtscanada.com\/wp-content\/uploads\/2025\/11\/Capture-decran-le-2025-11-04-a-15.41.09.jpg?zoom=3&amp;resize=150%2C150&amp;ssl=1 450w\" sizes=\"auto, (max-width: 150px) 100vw, 150px\" data-attachment-id=\"292580\" data-permalink=\"https:\/\/itayachtscanada.com\/fr\/listing\/belize-66-daybridge-2025-3945000-usd-for-sale\/capture-decran-le-2025-11-04-a-15-41-09\/\" data-orig-file=\"https:\/\/i0.wp.com\/itayachtscanada.com\/wp-content\/uploads\/2025\/11\/Capture-decran-le-2025-11-04-a-15.41.09.jpg?fit=1260%2C820&amp;ssl=1\" data-orig-size=\"1260,820\" data-comments-opened=\"1\" data-image-meta=\"{&quot;aperture&quot;:&quot;0&quot;,&quot;credit&quot;:&quot;&quot;,&quot;camera&quot;:&quot;&quot;,&quot;caption&quot;:&quot;&quot;,&quot;created_timestamp&quot;:&quot;0&quot;,&quot;copyright&quot;:&quot;&quot;,&quot;focal_length&quot;:&quot;0&quot;,&quot;iso&quot;:&quot;0&quot;,&quot;shutter_speed&quot;:&quot;0&quot;,&quot;title&quot;:&quot;&quot;,&quot;orientation&quot;:&quot;0&quot;}\" data-image-title=\"Capture d\u2019e\u0301cran, le 2025-11-04 a\u0300 15.41.09\" data-image-description=\"\" data-image-caption=\"\" data-large-file=\"https:\/\/i0.wp.com\/itayachtscanada.com\/wp-content\/uploads\/2025\/11\/Capture-decran-le-2025-11-04-a-15.41.09.jpg?fit=700%2C455&amp;ssl=1\" \/><\/a>\n\t\t\t<\/div><\/figure><figure class='gallery-item'>\n\t\t\t<div class='gallery-icon landscape'>\n\t\t\t\t<a href='https:\/\/itayachtscanada.com\/fr\/listing\/belize-66-daybridge-2025-3945000-usd-for-sale\/capture-decran-le-2025-11-04-a-15-41-06\/'><img loading=\"lazy\" decoding=\"async\" width=\"150\" height=\"150\" src=\"https:\/\/i0.wp.com\/itayachtscanada.com\/wp-content\/uploads\/2025\/11\/Capture-decran-le-2025-11-04-a-15.41.06.jpg?resize=150%2C150&amp;ssl=1\" class=\"attachment-thumbnail size-thumbnail\" alt=\"\" srcset=\"https:\/\/i0.wp.com\/itayachtscanada.com\/wp-content\/uploads\/2025\/11\/Capture-decran-le-2025-11-04-a-15.41.06.jpg?resize=150%2C150&amp;ssl=1 150w, https:\/\/i0.wp.com\/itayachtscanada.com\/wp-content\/uploads\/2025\/11\/Capture-decran-le-2025-11-04-a-15.41.06.jpg?resize=60%2C60&amp;ssl=1 60w, https:\/\/i0.wp.com\/itayachtscanada.com\/wp-content\/uploads\/2025\/11\/Capture-decran-le-2025-11-04-a-15.41.06.jpg?resize=80%2C80&amp;ssl=1 80w, https:\/\/i0.wp.com\/itayachtscanada.com\/wp-content\/uploads\/2025\/11\/Capture-decran-le-2025-11-04-a-15.41.06.jpg?resize=100%2C100&amp;ssl=1 100w, https:\/\/i0.wp.com\/itayachtscanada.com\/wp-content\/uploads\/2025\/11\/Capture-decran-le-2025-11-04-a-15.41.06.jpg?resize=50%2C50&amp;ssl=1 50w, https:\/\/i0.wp.com\/itayachtscanada.com\/wp-content\/uploads\/2025\/11\/Capture-decran-le-2025-11-04-a-15.41.06.jpg?zoom=2&amp;resize=150%2C150&amp;ssl=1 300w, https:\/\/i0.wp.com\/itayachtscanada.com\/wp-content\/uploads\/2025\/11\/Capture-decran-le-2025-11-04-a-15.41.06.jpg?zoom=3&amp;resize=150%2C150&amp;ssl=1 450w\" sizes=\"auto, (max-width: 150px) 100vw, 150px\" data-attachment-id=\"292581\" data-permalink=\"https:\/\/itayachtscanada.com\/fr\/listing\/belize-66-daybridge-2025-3945000-usd-for-sale\/capture-decran-le-2025-11-04-a-15-41-06\/\" data-orig-file=\"https:\/\/i0.wp.com\/itayachtscanada.com\/wp-content\/uploads\/2025\/11\/Capture-decran-le-2025-11-04-a-15.41.06.jpg?fit=1260%2C820&amp;ssl=1\" data-orig-size=\"1260,820\" data-comments-opened=\"1\" data-image-meta=\"{&quot;aperture&quot;:&quot;0&quot;,&quot;credit&quot;:&quot;&quot;,&quot;camera&quot;:&quot;&quot;,&quot;caption&quot;:&quot;&quot;,&quot;created_timestamp&quot;:&quot;0&quot;,&quot;copyright&quot;:&quot;&quot;,&quot;focal_length&quot;:&quot;0&quot;,&quot;iso&quot;:&quot;0&quot;,&quot;shutter_speed&quot;:&quot;0&quot;,&quot;title&quot;:&quot;&quot;,&quot;orientation&quot;:&quot;0&quot;}\" data-image-title=\"Capture d\u2019e\u0301cran, le 2025-11-04 a\u0300 15.41.06\" data-image-description=\"\" data-image-caption=\"\" data-large-file=\"https:\/\/i0.wp.com\/itayachtscanada.com\/wp-content\/uploads\/2025\/11\/Capture-decran-le-2025-11-04-a-15.41.06.jpg?fit=700%2C455&amp;ssl=1\" \/><\/a>\n\t\t\t<\/div><\/figure><figure class='gallery-item'>\n\t\t\t<div class='gallery-icon landscape'>\n\t\t\t\t<a href='https:\/\/itayachtscanada.com\/fr\/listing\/belize-66-daybridge-2025-3945000-usd-for-sale\/capture-decran-le-2025-11-04-a-15-40-46\/'><img loading=\"lazy\" decoding=\"async\" width=\"150\" height=\"150\" src=\"https:\/\/i0.wp.com\/itayachtscanada.com\/wp-content\/uploads\/2025\/11\/Capture-decran-le-2025-11-04-a-15.40.46.jpg?resize=150%2C150&amp;ssl=1\" class=\"attachment-thumbnail size-thumbnail\" alt=\"\" srcset=\"https:\/\/i0.wp.com\/itayachtscanada.com\/wp-content\/uploads\/2025\/11\/Capture-decran-le-2025-11-04-a-15.40.46.jpg?resize=150%2C150&amp;ssl=1 150w, https:\/\/i0.wp.com\/itayachtscanada.com\/wp-content\/uploads\/2025\/11\/Capture-decran-le-2025-11-04-a-15.40.46.jpg?resize=60%2C60&amp;ssl=1 60w, https:\/\/i0.wp.com\/itayachtscanada.com\/wp-content\/uploads\/2025\/11\/Capture-decran-le-2025-11-04-a-15.40.46.jpg?resize=80%2C80&amp;ssl=1 80w, https:\/\/i0.wp.com\/itayachtscanada.com\/wp-content\/uploads\/2025\/11\/Capture-decran-le-2025-11-04-a-15.40.46.jpg?resize=100%2C100&amp;ssl=1 100w, https:\/\/i0.wp.com\/itayachtscanada.com\/wp-content\/uploads\/2025\/11\/Capture-decran-le-2025-11-04-a-15.40.46.jpg?resize=50%2C50&amp;ssl=1 50w, https:\/\/i0.wp.com\/itayachtscanada.com\/wp-content\/uploads\/2025\/11\/Capture-decran-le-2025-11-04-a-15.40.46.jpg?zoom=2&amp;resize=150%2C150&amp;ssl=1 300w, https:\/\/i0.wp.com\/itayachtscanada.com\/wp-content\/uploads\/2025\/11\/Capture-decran-le-2025-11-04-a-15.40.46.jpg?zoom=3&amp;resize=150%2C150&amp;ssl=1 450w\" sizes=\"auto, (max-width: 150px) 100vw, 150px\" data-attachment-id=\"292582\" data-permalink=\"https:\/\/itayachtscanada.com\/fr\/listing\/belize-66-daybridge-2025-3945000-usd-for-sale\/capture-decran-le-2025-11-04-a-15-40-46\/\" data-orig-file=\"https:\/\/i0.wp.com\/itayachtscanada.com\/wp-content\/uploads\/2025\/11\/Capture-decran-le-2025-11-04-a-15.40.46.jpg?fit=1260%2C820&amp;ssl=1\" data-orig-size=\"1260,820\" data-comments-opened=\"1\" data-image-meta=\"{&quot;aperture&quot;:&quot;0&quot;,&quot;credit&quot;:&quot;&quot;,&quot;camera&quot;:&quot;&quot;,&quot;caption&quot;:&quot;&quot;,&quot;created_timestamp&quot;:&quot;0&quot;,&quot;copyright&quot;:&quot;&quot;,&quot;focal_length&quot;:&quot;0&quot;,&quot;iso&quot;:&quot;0&quot;,&quot;shutter_speed&quot;:&quot;0&quot;,&quot;title&quot;:&quot;&quot;,&quot;orientation&quot;:&quot;0&quot;}\" data-image-title=\"Capture d\u2019e\u0301cran, le 2025-11-04 a\u0300 15.40.46\" data-image-description=\"\" data-image-caption=\"\" data-large-file=\"https:\/\/i0.wp.com\/itayachtscanada.com\/wp-content\/uploads\/2025\/11\/Capture-decran-le-2025-11-04-a-15.40.46.jpg?fit=700%2C455&amp;ssl=1\" \/><\/a>\n\t\t\t<\/div><\/figure><figure class='gallery-item'>\n\t\t\t<div class='gallery-icon landscape'>\n\t\t\t\t<a href='https:\/\/itayachtscanada.com\/fr\/listing\/belize-66-daybridge-2025-3945000-usd-for-sale\/capture-decran-le-2025-11-04-a-15-40-41\/'><img loading=\"lazy\" decoding=\"async\" width=\"150\" height=\"150\" src=\"https:\/\/i0.wp.com\/itayachtscanada.com\/wp-content\/uploads\/2025\/11\/Capture-decran-le-2025-11-04-a-15.40.41.jpg?resize=150%2C150&amp;ssl=1\" class=\"attachment-thumbnail size-thumbnail\" alt=\"\" srcset=\"https:\/\/i0.wp.com\/itayachtscanada.com\/wp-content\/uploads\/2025\/11\/Capture-decran-le-2025-11-04-a-15.40.41.jpg?resize=150%2C150&amp;ssl=1 150w, https:\/\/i0.wp.com\/itayachtscanada.com\/wp-content\/uploads\/2025\/11\/Capture-decran-le-2025-11-04-a-15.40.41.jpg?resize=60%2C60&amp;ssl=1 60w, https:\/\/i0.wp.com\/itayachtscanada.com\/wp-content\/uploads\/2025\/11\/Capture-decran-le-2025-11-04-a-15.40.41.jpg?resize=80%2C80&amp;ssl=1 80w, https:\/\/i0.wp.com\/itayachtscanada.com\/wp-content\/uploads\/2025\/11\/Capture-decran-le-2025-11-04-a-15.40.41.jpg?resize=100%2C100&amp;ssl=1 100w, https:\/\/i0.wp.com\/itayachtscanada.com\/wp-content\/uploads\/2025\/11\/Capture-decran-le-2025-11-04-a-15.40.41.jpg?resize=50%2C50&amp;ssl=1 50w, https:\/\/i0.wp.com\/itayachtscanada.com\/wp-content\/uploads\/2025\/11\/Capture-decran-le-2025-11-04-a-15.40.41.jpg?zoom=2&amp;resize=150%2C150&amp;ssl=1 300w, https:\/\/i0.wp.com\/itayachtscanada.com\/wp-content\/uploads\/2025\/11\/Capture-decran-le-2025-11-04-a-15.40.41.jpg?zoom=3&amp;resize=150%2C150&amp;ssl=1 450w\" sizes=\"auto, (max-width: 150px) 100vw, 150px\" data-attachment-id=\"292583\" data-permalink=\"https:\/\/itayachtscanada.com\/fr\/listing\/belize-66-daybridge-2025-3945000-usd-for-sale\/capture-decran-le-2025-11-04-a-15-40-41\/\" data-orig-file=\"https:\/\/i0.wp.com\/itayachtscanada.com\/wp-content\/uploads\/2025\/11\/Capture-decran-le-2025-11-04-a-15.40.41.jpg?fit=1260%2C820&amp;ssl=1\" data-orig-size=\"1260,820\" data-comments-opened=\"1\" data-image-meta=\"{&quot;aperture&quot;:&quot;0&quot;,&quot;credit&quot;:&quot;&quot;,&quot;camera&quot;:&quot;&quot;,&quot;caption&quot;:&quot;&quot;,&quot;created_timestamp&quot;:&quot;0&quot;,&quot;copyright&quot;:&quot;&quot;,&quot;focal_length&quot;:&quot;0&quot;,&quot;iso&quot;:&quot;0&quot;,&quot;shutter_speed&quot;:&quot;0&quot;,&quot;title&quot;:&quot;&quot;,&quot;orientation&quot;:&quot;0&quot;}\" data-image-title=\"Capture d\u2019e\u0301cran, le 2025-11-04 a\u0300 15.40.41\" data-image-description=\"\" data-image-caption=\"\" data-large-file=\"https:\/\/i0.wp.com\/itayachtscanada.com\/wp-content\/uploads\/2025\/11\/Capture-decran-le-2025-11-04-a-15.40.41.jpg?fit=700%2C455&amp;ssl=1\" \/><\/a>\n\t\t\t<\/div><\/figure><figure class='gallery-item'>\n\t\t\t<div class='gallery-icon landscape'>\n\t\t\t\t<a href='https:\/\/itayachtscanada.com\/fr\/listing\/belize-66-daybridge-2025-3945000-usd-for-sale\/capture-decran-le-2025-11-04-a-15-40-06\/'><img loading=\"lazy\" decoding=\"async\" width=\"150\" height=\"150\" src=\"https:\/\/i0.wp.com\/itayachtscanada.com\/wp-content\/uploads\/2025\/11\/Capture-decran-le-2025-11-04-a-15.40.06.jpg?resize=150%2C150&amp;ssl=1\" class=\"attachment-thumbnail size-thumbnail\" alt=\"\" srcset=\"https:\/\/i0.wp.com\/itayachtscanada.com\/wp-content\/uploads\/2025\/11\/Capture-decran-le-2025-11-04-a-15.40.06.jpg?resize=150%2C150&amp;ssl=1 150w, https:\/\/i0.wp.com\/itayachtscanada.com\/wp-content\/uploads\/2025\/11\/Capture-decran-le-2025-11-04-a-15.40.06.jpg?resize=60%2C60&amp;ssl=1 60w, https:\/\/i0.wp.com\/itayachtscanada.com\/wp-content\/uploads\/2025\/11\/Capture-decran-le-2025-11-04-a-15.40.06.jpg?resize=80%2C80&amp;ssl=1 80w, https:\/\/i0.wp.com\/itayachtscanada.com\/wp-content\/uploads\/2025\/11\/Capture-decran-le-2025-11-04-a-15.40.06.jpg?resize=100%2C100&amp;ssl=1 100w, https:\/\/i0.wp.com\/itayachtscanada.com\/wp-content\/uploads\/2025\/11\/Capture-decran-le-2025-11-04-a-15.40.06.jpg?resize=50%2C50&amp;ssl=1 50w, https:\/\/i0.wp.com\/itayachtscanada.com\/wp-content\/uploads\/2025\/11\/Capture-decran-le-2025-11-04-a-15.40.06.jpg?zoom=2&amp;resize=150%2C150&amp;ssl=1 300w, https:\/\/i0.wp.com\/itayachtscanada.com\/wp-content\/uploads\/2025\/11\/Capture-decran-le-2025-11-04-a-15.40.06.jpg?zoom=3&amp;resize=150%2C150&amp;ssl=1 450w\" sizes=\"auto, (max-width: 150px) 100vw, 150px\" data-attachment-id=\"292593\" data-permalink=\"https:\/\/itayachtscanada.com\/fr\/listing\/belize-66-daybridge-2025-3945000-usd-for-sale\/capture-decran-le-2025-11-04-a-15-40-06\/\" data-orig-file=\"https:\/\/i0.wp.com\/itayachtscanada.com\/wp-content\/uploads\/2025\/11\/Capture-decran-le-2025-11-04-a-15.40.06.jpg?fit=1260%2C820&amp;ssl=1\" data-orig-size=\"1260,820\" data-comments-opened=\"1\" data-image-meta=\"{&quot;aperture&quot;:&quot;0&quot;,&quot;credit&quot;:&quot;&quot;,&quot;camera&quot;:&quot;&quot;,&quot;caption&quot;:&quot;&quot;,&quot;created_timestamp&quot;:&quot;0&quot;,&quot;copyright&quot;:&quot;&quot;,&quot;focal_length&quot;:&quot;0&quot;,&quot;iso&quot;:&quot;0&quot;,&quot;shutter_speed&quot;:&quot;0&quot;,&quot;title&quot;:&quot;&quot;,&quot;orientation&quot;:&quot;0&quot;}\" data-image-title=\"Capture d\u2019e\u0301cran, le 2025-11-04 a\u0300 15.40.06\" data-image-description=\"\" data-image-caption=\"\" data-large-file=\"https:\/\/i0.wp.com\/itayachtscanada.com\/wp-content\/uploads\/2025\/11\/Capture-decran-le-2025-11-04-a-15.40.06.jpg?fit=700%2C455&amp;ssl=1\" \/><\/a>\n\t\t\t<\/div><\/figure><figure class='gallery-item'>\n\t\t\t<div class='gallery-icon landscape'>\n\t\t\t\t<a href='https:\/\/itayachtscanada.com\/fr\/listing\/belize-66-daybridge-2025-3945000-usd-for-sale\/capture-decran-le-2025-11-04-a-15-40-01\/'><img loading=\"lazy\" decoding=\"async\" width=\"150\" height=\"150\" src=\"https:\/\/i0.wp.com\/itayachtscanada.com\/wp-content\/uploads\/2025\/11\/Capture-decran-le-2025-11-04-a-15.40.01.jpg?resize=150%2C150&amp;ssl=1\" class=\"attachment-thumbnail size-thumbnail\" alt=\"\" srcset=\"https:\/\/i0.wp.com\/itayachtscanada.com\/wp-content\/uploads\/2025\/11\/Capture-decran-le-2025-11-04-a-15.40.01.jpg?resize=150%2C150&amp;ssl=1 150w, https:\/\/i0.wp.com\/itayachtscanada.com\/wp-content\/uploads\/2025\/11\/Capture-decran-le-2025-11-04-a-15.40.01.jpg?resize=60%2C60&amp;ssl=1 60w, https:\/\/i0.wp.com\/itayachtscanada.com\/wp-content\/uploads\/2025\/11\/Capture-decran-le-2025-11-04-a-15.40.01.jpg?resize=80%2C80&amp;ssl=1 80w, https:\/\/i0.wp.com\/itayachtscanada.com\/wp-content\/uploads\/2025\/11\/Capture-decran-le-2025-11-04-a-15.40.01.jpg?resize=100%2C100&amp;ssl=1 100w, https:\/\/i0.wp.com\/itayachtscanada.com\/wp-content\/uploads\/2025\/11\/Capture-decran-le-2025-11-04-a-15.40.01.jpg?resize=50%2C50&amp;ssl=1 50w, https:\/\/i0.wp.com\/itayachtscanada.com\/wp-content\/uploads\/2025\/11\/Capture-decran-le-2025-11-04-a-15.40.01.jpg?zoom=2&amp;resize=150%2C150&amp;ssl=1 300w, https:\/\/i0.wp.com\/itayachtscanada.com\/wp-content\/uploads\/2025\/11\/Capture-decran-le-2025-11-04-a-15.40.01.jpg?zoom=3&amp;resize=150%2C150&amp;ssl=1 450w\" sizes=\"auto, (max-width: 150px) 100vw, 150px\" data-attachment-id=\"292594\" data-permalink=\"https:\/\/itayachtscanada.com\/fr\/listing\/belize-66-daybridge-2025-3945000-usd-for-sale\/capture-decran-le-2025-11-04-a-15-40-01\/\" data-orig-file=\"https:\/\/i0.wp.com\/itayachtscanada.com\/wp-content\/uploads\/2025\/11\/Capture-decran-le-2025-11-04-a-15.40.01.jpg?fit=1260%2C820&amp;ssl=1\" data-orig-size=\"1260,820\" data-comments-opened=\"1\" data-image-meta=\"{&quot;aperture&quot;:&quot;0&quot;,&quot;credit&quot;:&quot;&quot;,&quot;camera&quot;:&quot;&quot;,&quot;caption&quot;:&quot;&quot;,&quot;created_timestamp&quot;:&quot;0&quot;,&quot;copyright&quot;:&quot;&quot;,&quot;focal_length&quot;:&quot;0&quot;,&quot;iso&quot;:&quot;0&quot;,&quot;shutter_speed&quot;:&quot;0&quot;,&quot;title&quot;:&quot;&quot;,&quot;orientation&quot;:&quot;0&quot;}\" data-image-title=\"Capture d\u2019e\u0301cran, le 2025-11-04 a\u0300 15.40.01\" data-image-description=\"\" data-image-caption=\"\" data-large-file=\"https:\/\/i0.wp.com\/itayachtscanada.com\/wp-content\/uploads\/2025\/11\/Capture-decran-le-2025-11-04-a-15.40.01.jpg?fit=700%2C455&amp;ssl=1\" \/><\/a>\n\t\t\t<\/div><\/figure><figure class='gallery-item'>\n\t\t\t<div class='gallery-icon landscape'>\n\t\t\t\t<a href='https:\/\/itayachtscanada.com\/fr\/listing\/belize-66-daybridge-2025-3945000-usd-for-sale\/capture-decran-le-2025-11-04-a-15-39-58\/'><img loading=\"lazy\" decoding=\"async\" width=\"150\" height=\"150\" src=\"https:\/\/i0.wp.com\/itayachtscanada.com\/wp-content\/uploads\/2025\/11\/Capture-decran-le-2025-11-04-a-15.39.58.jpg?resize=150%2C150&amp;ssl=1\" class=\"attachment-thumbnail size-thumbnail\" alt=\"\" srcset=\"https:\/\/i0.wp.com\/itayachtscanada.com\/wp-content\/uploads\/2025\/11\/Capture-decran-le-2025-11-04-a-15.39.58.jpg?resize=150%2C150&amp;ssl=1 150w, https:\/\/i0.wp.com\/itayachtscanada.com\/wp-content\/uploads\/2025\/11\/Capture-decran-le-2025-11-04-a-15.39.58.jpg?resize=60%2C60&amp;ssl=1 60w, https:\/\/i0.wp.com\/itayachtscanada.com\/wp-content\/uploads\/2025\/11\/Capture-decran-le-2025-11-04-a-15.39.58.jpg?resize=80%2C80&amp;ssl=1 80w, https:\/\/i0.wp.com\/itayachtscanada.com\/wp-content\/uploads\/2025\/11\/Capture-decran-le-2025-11-04-a-15.39.58.jpg?resize=100%2C100&amp;ssl=1 100w, https:\/\/i0.wp.com\/itayachtscanada.com\/wp-content\/uploads\/2025\/11\/Capture-decran-le-2025-11-04-a-15.39.58.jpg?resize=50%2C50&amp;ssl=1 50w, https:\/\/i0.wp.com\/itayachtscanada.com\/wp-content\/uploads\/2025\/11\/Capture-decran-le-2025-11-04-a-15.39.58.jpg?zoom=2&amp;resize=150%2C150&amp;ssl=1 300w, https:\/\/i0.wp.com\/itayachtscanada.com\/wp-content\/uploads\/2025\/11\/Capture-decran-le-2025-11-04-a-15.39.58.jpg?zoom=3&amp;resize=150%2C150&amp;ssl=1 450w\" sizes=\"auto, (max-width: 150px) 100vw, 150px\" data-attachment-id=\"292595\" data-permalink=\"https:\/\/itayachtscanada.com\/fr\/listing\/belize-66-daybridge-2025-3945000-usd-for-sale\/capture-decran-le-2025-11-04-a-15-39-58\/\" data-orig-file=\"https:\/\/i0.wp.com\/itayachtscanada.com\/wp-content\/uploads\/2025\/11\/Capture-decran-le-2025-11-04-a-15.39.58.jpg?fit=1260%2C820&amp;ssl=1\" data-orig-size=\"1260,820\" data-comments-opened=\"1\" data-image-meta=\"{&quot;aperture&quot;:&quot;0&quot;,&quot;credit&quot;:&quot;&quot;,&quot;camera&quot;:&quot;&quot;,&quot;caption&quot;:&quot;&quot;,&quot;created_timestamp&quot;:&quot;0&quot;,&quot;copyright&quot;:&quot;&quot;,&quot;focal_length&quot;:&quot;0&quot;,&quot;iso&quot;:&quot;0&quot;,&quot;shutter_speed&quot;:&quot;0&quot;,&quot;title&quot;:&quot;&quot;,&quot;orientation&quot;:&quot;0&quot;}\" data-image-title=\"Capture d\u2019e\u0301cran, le 2025-11-04 a\u0300 15.39.58\" data-image-description=\"\" data-image-caption=\"\" data-large-file=\"https:\/\/i0.wp.com\/itayachtscanada.com\/wp-content\/uploads\/2025\/11\/Capture-decran-le-2025-11-04-a-15.39.58.jpg?fit=700%2C455&amp;ssl=1\" \/><\/a>\n\t\t\t<\/div><\/figure><figure class='gallery-item'>\n\t\t\t<div class='gallery-icon landscape'>\n\t\t\t\t<a href='https:\/\/itayachtscanada.com\/fr\/listing\/belize-66-daybridge-2025-3945000-usd-for-sale\/capture-decran-le-2025-11-04-a-15-39-55\/'><img loading=\"lazy\" decoding=\"async\" width=\"150\" height=\"150\" src=\"https:\/\/i0.wp.com\/itayachtscanada.com\/wp-content\/uploads\/2025\/11\/Capture-decran-le-2025-11-04-a-15.39.55.jpg?resize=150%2C150&amp;ssl=1\" class=\"attachment-thumbnail size-thumbnail\" alt=\"\" srcset=\"https:\/\/i0.wp.com\/itayachtscanada.com\/wp-content\/uploads\/2025\/11\/Capture-decran-le-2025-11-04-a-15.39.55.jpg?resize=150%2C150&amp;ssl=1 150w, https:\/\/i0.wp.com\/itayachtscanada.com\/wp-content\/uploads\/2025\/11\/Capture-decran-le-2025-11-04-a-15.39.55.jpg?resize=60%2C60&amp;ssl=1 60w, https:\/\/i0.wp.com\/itayachtscanada.com\/wp-content\/uploads\/2025\/11\/Capture-decran-le-2025-11-04-a-15.39.55.jpg?resize=80%2C80&amp;ssl=1 80w, https:\/\/i0.wp.com\/itayachtscanada.com\/wp-content\/uploads\/2025\/11\/Capture-decran-le-2025-11-04-a-15.39.55.jpg?resize=100%2C100&amp;ssl=1 100w, https:\/\/i0.wp.com\/itayachtscanada.com\/wp-content\/uploads\/2025\/11\/Capture-decran-le-2025-11-04-a-15.39.55.jpg?resize=50%2C50&amp;ssl=1 50w, https:\/\/i0.wp.com\/itayachtscanada.com\/wp-content\/uploads\/2025\/11\/Capture-decran-le-2025-11-04-a-15.39.55.jpg?zoom=2&amp;resize=150%2C150&amp;ssl=1 300w, https:\/\/i0.wp.com\/itayachtscanada.com\/wp-content\/uploads\/2025\/11\/Capture-decran-le-2025-11-04-a-15.39.55.jpg?zoom=3&amp;resize=150%2C150&amp;ssl=1 450w\" sizes=\"auto, (max-width: 150px) 100vw, 150px\" data-attachment-id=\"292596\" data-permalink=\"https:\/\/itayachtscanada.com\/fr\/listing\/belize-66-daybridge-2025-3945000-usd-for-sale\/capture-decran-le-2025-11-04-a-15-39-55\/\" data-orig-file=\"https:\/\/i0.wp.com\/itayachtscanada.com\/wp-content\/uploads\/2025\/11\/Capture-decran-le-2025-11-04-a-15.39.55.jpg?fit=1260%2C820&amp;ssl=1\" data-orig-size=\"1260,820\" data-comments-opened=\"1\" data-image-meta=\"{&quot;aperture&quot;:&quot;0&quot;,&quot;credit&quot;:&quot;&quot;,&quot;camera&quot;:&quot;&quot;,&quot;caption&quot;:&quot;&quot;,&quot;created_timestamp&quot;:&quot;0&quot;,&quot;copyright&quot;:&quot;&quot;,&quot;focal_length&quot;:&quot;0&quot;,&quot;iso&quot;:&quot;0&quot;,&quot;shutter_speed&quot;:&quot;0&quot;,&quot;title&quot;:&quot;&quot;,&quot;orientation&quot;:&quot;0&quot;}\" data-image-title=\"Capture d\u2019e\u0301cran, le 2025-11-04 a\u0300 15.39.55\" data-image-description=\"\" data-image-caption=\"\" data-large-file=\"https:\/\/i0.wp.com\/itayachtscanada.com\/wp-content\/uploads\/2025\/11\/Capture-decran-le-2025-11-04-a-15.39.55.jpg?fit=700%2C455&amp;ssl=1\" \/><\/a>\n\t\t\t<\/div><\/figure><figure class='gallery-item'>\n\t\t\t<div class='gallery-icon landscape'>\n\t\t\t\t<a href='https:\/\/itayachtscanada.com\/fr\/listing\/belize-66-daybridge-2025-3945000-usd-for-sale\/capture-decran-le-2025-11-04-a-15-39-52\/'><img loading=\"lazy\" decoding=\"async\" width=\"150\" height=\"150\" src=\"https:\/\/i0.wp.com\/itayachtscanada.com\/wp-content\/uploads\/2025\/11\/Capture-decran-le-2025-11-04-a-15.39.52.jpg?resize=150%2C150&amp;ssl=1\" class=\"attachment-thumbnail size-thumbnail\" alt=\"\" srcset=\"https:\/\/i0.wp.com\/itayachtscanada.com\/wp-content\/uploads\/2025\/11\/Capture-decran-le-2025-11-04-a-15.39.52.jpg?resize=150%2C150&amp;ssl=1 150w, https:\/\/i0.wp.com\/itayachtscanada.com\/wp-content\/uploads\/2025\/11\/Capture-decran-le-2025-11-04-a-15.39.52.jpg?resize=60%2C60&amp;ssl=1 60w, https:\/\/i0.wp.com\/itayachtscanada.com\/wp-content\/uploads\/2025\/11\/Capture-decran-le-2025-11-04-a-15.39.52.jpg?resize=80%2C80&amp;ssl=1 80w, https:\/\/i0.wp.com\/itayachtscanada.com\/wp-content\/uploads\/2025\/11\/Capture-decran-le-2025-11-04-a-15.39.52.jpg?resize=100%2C100&amp;ssl=1 100w, https:\/\/i0.wp.com\/itayachtscanada.com\/wp-content\/uploads\/2025\/11\/Capture-decran-le-2025-11-04-a-15.39.52.jpg?resize=50%2C50&amp;ssl=1 50w, https:\/\/i0.wp.com\/itayachtscanada.com\/wp-content\/uploads\/2025\/11\/Capture-decran-le-2025-11-04-a-15.39.52.jpg?zoom=2&amp;resize=150%2C150&amp;ssl=1 300w, https:\/\/i0.wp.com\/itayachtscanada.com\/wp-content\/uploads\/2025\/11\/Capture-decran-le-2025-11-04-a-15.39.52.jpg?zoom=3&amp;resize=150%2C150&amp;ssl=1 450w\" sizes=\"auto, (max-width: 150px) 100vw, 150px\" data-attachment-id=\"292597\" data-permalink=\"https:\/\/itayachtscanada.com\/fr\/listing\/belize-66-daybridge-2025-3945000-usd-for-sale\/capture-decran-le-2025-11-04-a-15-39-52\/\" data-orig-file=\"https:\/\/i0.wp.com\/itayachtscanada.com\/wp-content\/uploads\/2025\/11\/Capture-decran-le-2025-11-04-a-15.39.52.jpg?fit=1260%2C820&amp;ssl=1\" data-orig-size=\"1260,820\" data-comments-opened=\"1\" data-image-meta=\"{&quot;aperture&quot;:&quot;0&quot;,&quot;credit&quot;:&quot;&quot;,&quot;camera&quot;:&quot;&quot;,&quot;caption&quot;:&quot;&quot;,&quot;created_timestamp&quot;:&quot;0&quot;,&quot;copyright&quot;:&quot;&quot;,&quot;focal_length&quot;:&quot;0&quot;,&quot;iso&quot;:&quot;0&quot;,&quot;shutter_speed&quot;:&quot;0&quot;,&quot;title&quot;:&quot;&quot;,&quot;orientation&quot;:&quot;0&quot;}\" data-image-title=\"Capture d\u2019e\u0301cran, le 2025-11-04 a\u0300 15.39.52\" data-image-description=\"\" data-image-caption=\"\" data-large-file=\"https:\/\/i0.wp.com\/itayachtscanada.com\/wp-content\/uploads\/2025\/11\/Capture-decran-le-2025-11-04-a-15.39.52.jpg?fit=700%2C455&amp;ssl=1\" \/><\/a>\n\t\t\t<\/div><\/figure><figure class='gallery-item'>\n\t\t\t<div class='gallery-icon landscape'>\n\t\t\t\t<a href='https:\/\/itayachtscanada.com\/fr\/listing\/belize-66-daybridge-2025-3945000-usd-for-sale\/capture-decran-le-2025-11-04-a-15-39-49\/'><img loading=\"lazy\" decoding=\"async\" width=\"150\" height=\"150\" src=\"https:\/\/i0.wp.com\/itayachtscanada.com\/wp-content\/uploads\/2025\/11\/Capture-decran-le-2025-11-04-a-15.39.49.jpg?resize=150%2C150&amp;ssl=1\" class=\"attachment-thumbnail size-thumbnail\" alt=\"\" srcset=\"https:\/\/i0.wp.com\/itayachtscanada.com\/wp-content\/uploads\/2025\/11\/Capture-decran-le-2025-11-04-a-15.39.49.jpg?resize=150%2C150&amp;ssl=1 150w, https:\/\/i0.wp.com\/itayachtscanada.com\/wp-content\/uploads\/2025\/11\/Capture-decran-le-2025-11-04-a-15.39.49.jpg?resize=60%2C60&amp;ssl=1 60w, https:\/\/i0.wp.com\/itayachtscanada.com\/wp-content\/uploads\/2025\/11\/Capture-decran-le-2025-11-04-a-15.39.49.jpg?resize=80%2C80&amp;ssl=1 80w, https:\/\/i0.wp.com\/itayachtscanada.com\/wp-content\/uploads\/2025\/11\/Capture-decran-le-2025-11-04-a-15.39.49.jpg?resize=100%2C100&amp;ssl=1 100w, https:\/\/i0.wp.com\/itayachtscanada.com\/wp-content\/uploads\/2025\/11\/Capture-decran-le-2025-11-04-a-15.39.49.jpg?resize=50%2C50&amp;ssl=1 50w, https:\/\/i0.wp.com\/itayachtscanada.com\/wp-content\/uploads\/2025\/11\/Capture-decran-le-2025-11-04-a-15.39.49.jpg?zoom=2&amp;resize=150%2C150&amp;ssl=1 300w, https:\/\/i0.wp.com\/itayachtscanada.com\/wp-content\/uploads\/2025\/11\/Capture-decran-le-2025-11-04-a-15.39.49.jpg?zoom=3&amp;resize=150%2C150&amp;ssl=1 450w\" sizes=\"auto, (max-width: 150px) 100vw, 150px\" data-attachment-id=\"292598\" data-permalink=\"https:\/\/itayachtscanada.com\/fr\/listing\/belize-66-daybridge-2025-3945000-usd-for-sale\/capture-decran-le-2025-11-04-a-15-39-49\/\" data-orig-file=\"https:\/\/i0.wp.com\/itayachtscanada.com\/wp-content\/uploads\/2025\/11\/Capture-decran-le-2025-11-04-a-15.39.49.jpg?fit=1260%2C820&amp;ssl=1\" data-orig-size=\"1260,820\" data-comments-opened=\"1\" data-image-meta=\"{&quot;aperture&quot;:&quot;0&quot;,&quot;credit&quot;:&quot;&quot;,&quot;camera&quot;:&quot;&quot;,&quot;caption&quot;:&quot;&quot;,&quot;created_timestamp&quot;:&quot;0&quot;,&quot;copyright&quot;:&quot;&quot;,&quot;focal_length&quot;:&quot;0&quot;,&quot;iso&quot;:&quot;0&quot;,&quot;shutter_speed&quot;:&quot;0&quot;,&quot;title&quot;:&quot;&quot;,&quot;orientation&quot;:&quot;0&quot;}\" data-image-title=\"Capture d\u2019e\u0301cran, le 2025-11-04 a\u0300 15.39.49\" data-image-description=\"\" data-image-caption=\"\" data-large-file=\"https:\/\/i0.wp.com\/itayachtscanada.com\/wp-content\/uploads\/2025\/11\/Capture-decran-le-2025-11-04-a-15.39.49.jpg?fit=700%2C455&amp;ssl=1\" \/><\/a>\n\t\t\t<\/div><\/figure><figure class='gallery-item'>\n\t\t\t<div class='gallery-icon landscape'>\n\t\t\t\t<a href='https:\/\/itayachtscanada.com\/fr\/listing\/belize-66-daybridge-2025-3945000-usd-for-sale\/capture-decran-le-2025-11-04-a-15-39-45\/'><img loading=\"lazy\" decoding=\"async\" width=\"150\" height=\"150\" src=\"https:\/\/i0.wp.com\/itayachtscanada.com\/wp-content\/uploads\/2025\/11\/Capture-decran-le-2025-11-04-a-15.39.45.jpg?resize=150%2C150&amp;ssl=1\" class=\"attachment-thumbnail size-thumbnail\" alt=\"\" srcset=\"https:\/\/i0.wp.com\/itayachtscanada.com\/wp-content\/uploads\/2025\/11\/Capture-decran-le-2025-11-04-a-15.39.45.jpg?resize=150%2C150&amp;ssl=1 150w, https:\/\/i0.wp.com\/itayachtscanada.com\/wp-content\/uploads\/2025\/11\/Capture-decran-le-2025-11-04-a-15.39.45.jpg?resize=60%2C60&amp;ssl=1 60w, https:\/\/i0.wp.com\/itayachtscanada.com\/wp-content\/uploads\/2025\/11\/Capture-decran-le-2025-11-04-a-15.39.45.jpg?resize=80%2C80&amp;ssl=1 80w, https:\/\/i0.wp.com\/itayachtscanada.com\/wp-content\/uploads\/2025\/11\/Capture-decran-le-2025-11-04-a-15.39.45.jpg?resize=100%2C100&amp;ssl=1 100w, https:\/\/i0.wp.com\/itayachtscanada.com\/wp-content\/uploads\/2025\/11\/Capture-decran-le-2025-11-04-a-15.39.45.jpg?resize=50%2C50&amp;ssl=1 50w, https:\/\/i0.wp.com\/itayachtscanada.com\/wp-content\/uploads\/2025\/11\/Capture-decran-le-2025-11-04-a-15.39.45.jpg?zoom=2&amp;resize=150%2C150&amp;ssl=1 300w, https:\/\/i0.wp.com\/itayachtscanada.com\/wp-content\/uploads\/2025\/11\/Capture-decran-le-2025-11-04-a-15.39.45.jpg?zoom=3&amp;resize=150%2C150&amp;ssl=1 450w\" sizes=\"auto, (max-width: 150px) 100vw, 150px\" data-attachment-id=\"292599\" data-permalink=\"https:\/\/itayachtscanada.com\/fr\/listing\/belize-66-daybridge-2025-3945000-usd-for-sale\/capture-decran-le-2025-11-04-a-15-39-45\/\" data-orig-file=\"https:\/\/i0.wp.com\/itayachtscanada.com\/wp-content\/uploads\/2025\/11\/Capture-decran-le-2025-11-04-a-15.39.45.jpg?fit=1260%2C820&amp;ssl=1\" data-orig-size=\"1260,820\" data-comments-opened=\"1\" data-image-meta=\"{&quot;aperture&quot;:&quot;0&quot;,&quot;credit&quot;:&quot;&quot;,&quot;camera&quot;:&quot;&quot;,&quot;caption&quot;:&quot;&quot;,&quot;created_timestamp&quot;:&quot;0&quot;,&quot;copyright&quot;:&quot;&quot;,&quot;focal_length&quot;:&quot;0&quot;,&quot;iso&quot;:&quot;0&quot;,&quot;shutter_speed&quot;:&quot;0&quot;,&quot;title&quot;:&quot;&quot;,&quot;orientation&quot;:&quot;0&quot;}\" data-image-title=\"Capture d\u2019e\u0301cran, le 2025-11-04 a\u0300 15.39.45\" data-image-description=\"\" data-image-caption=\"\" data-large-file=\"https:\/\/i0.wp.com\/itayachtscanada.com\/wp-content\/uploads\/2025\/11\/Capture-decran-le-2025-11-04-a-15.39.45.jpg?fit=700%2C455&amp;ssl=1\" \/><\/a>\n\t\t\t<\/div><\/figure><figure class='gallery-item'>\n\t\t\t<div class='gallery-icon landscape'>\n\t\t\t\t<a href='https:\/\/itayachtscanada.com\/fr\/listing\/belize-66-daybridge-2025-3945000-usd-for-sale\/capture-decran-le-2025-11-04-a-15-39-41\/'><img loading=\"lazy\" decoding=\"async\" width=\"150\" height=\"150\" src=\"https:\/\/i0.wp.com\/itayachtscanada.com\/wp-content\/uploads\/2025\/11\/Capture-decran-le-2025-11-04-a-15.39.41.jpg?resize=150%2C150&amp;ssl=1\" class=\"attachment-thumbnail size-thumbnail\" alt=\"\" srcset=\"https:\/\/i0.wp.com\/itayachtscanada.com\/wp-content\/uploads\/2025\/11\/Capture-decran-le-2025-11-04-a-15.39.41.jpg?resize=150%2C150&amp;ssl=1 150w, https:\/\/i0.wp.com\/itayachtscanada.com\/wp-content\/uploads\/2025\/11\/Capture-decran-le-2025-11-04-a-15.39.41.jpg?resize=60%2C60&amp;ssl=1 60w, https:\/\/i0.wp.com\/itayachtscanada.com\/wp-content\/uploads\/2025\/11\/Capture-decran-le-2025-11-04-a-15.39.41.jpg?resize=80%2C80&amp;ssl=1 80w, https:\/\/i0.wp.com\/itayachtscanada.com\/wp-content\/uploads\/2025\/11\/Capture-decran-le-2025-11-04-a-15.39.41.jpg?resize=100%2C100&amp;ssl=1 100w, https:\/\/i0.wp.com\/itayachtscanada.com\/wp-content\/uploads\/2025\/11\/Capture-decran-le-2025-11-04-a-15.39.41.jpg?resize=50%2C50&amp;ssl=1 50w, https:\/\/i0.wp.com\/itayachtscanada.com\/wp-content\/uploads\/2025\/11\/Capture-decran-le-2025-11-04-a-15.39.41.jpg?zoom=2&amp;resize=150%2C150&amp;ssl=1 300w, https:\/\/i0.wp.com\/itayachtscanada.com\/wp-content\/uploads\/2025\/11\/Capture-decran-le-2025-11-04-a-15.39.41.jpg?zoom=3&amp;resize=150%2C150&amp;ssl=1 450w\" sizes=\"auto, (max-width: 150px) 100vw, 150px\" data-attachment-id=\"292600\" data-permalink=\"https:\/\/itayachtscanada.com\/fr\/listing\/belize-66-daybridge-2025-3945000-usd-for-sale\/capture-decran-le-2025-11-04-a-15-39-41\/\" data-orig-file=\"https:\/\/i0.wp.com\/itayachtscanada.com\/wp-content\/uploads\/2025\/11\/Capture-decran-le-2025-11-04-a-15.39.41.jpg?fit=1260%2C820&amp;ssl=1\" data-orig-size=\"1260,820\" data-comments-opened=\"1\" data-image-meta=\"{&quot;aperture&quot;:&quot;0&quot;,&quot;credit&quot;:&quot;&quot;,&quot;camera&quot;:&quot;&quot;,&quot;caption&quot;:&quot;&quot;,&quot;created_timestamp&quot;:&quot;0&quot;,&quot;copyright&quot;:&quot;&quot;,&quot;focal_length&quot;:&quot;0&quot;,&quot;iso&quot;:&quot;0&quot;,&quot;shutter_speed&quot;:&quot;0&quot;,&quot;title&quot;:&quot;&quot;,&quot;orientation&quot;:&quot;0&quot;}\" data-image-title=\"Capture d\u2019e\u0301cran, le 2025-11-04 a\u0300 15.39.41\" data-image-description=\"\" data-image-caption=\"\" data-large-file=\"https:\/\/i0.wp.com\/itayachtscanada.com\/wp-content\/uploads\/2025\/11\/Capture-decran-le-2025-11-04-a-15.39.41.jpg?fit=700%2C455&amp;ssl=1\" \/><\/a>\n\t\t\t<\/div><\/figure><figure class='gallery-item'>\n\t\t\t<div class='gallery-icon landscape'>\n\t\t\t\t<a href='https:\/\/itayachtscanada.com\/fr\/listing\/belize-66-daybridge-2025-3945000-usd-for-sale\/capture-decran-le-2025-11-04-a-15-39-38\/'><img loading=\"lazy\" decoding=\"async\" width=\"150\" height=\"150\" src=\"https:\/\/i0.wp.com\/itayachtscanada.com\/wp-content\/uploads\/2025\/11\/Capture-decran-le-2025-11-04-a-15.39.38.jpg?resize=150%2C150&amp;ssl=1\" class=\"attachment-thumbnail size-thumbnail\" alt=\"\" srcset=\"https:\/\/i0.wp.com\/itayachtscanada.com\/wp-content\/uploads\/2025\/11\/Capture-decran-le-2025-11-04-a-15.39.38.jpg?resize=150%2C150&amp;ssl=1 150w, https:\/\/i0.wp.com\/itayachtscanada.com\/wp-content\/uploads\/2025\/11\/Capture-decran-le-2025-11-04-a-15.39.38.jpg?resize=60%2C60&amp;ssl=1 60w, https:\/\/i0.wp.com\/itayachtscanada.com\/wp-content\/uploads\/2025\/11\/Capture-decran-le-2025-11-04-a-15.39.38.jpg?resize=80%2C80&amp;ssl=1 80w, https:\/\/i0.wp.com\/itayachtscanada.com\/wp-content\/uploads\/2025\/11\/Capture-decran-le-2025-11-04-a-15.39.38.jpg?resize=100%2C100&amp;ssl=1 100w, https:\/\/i0.wp.com\/itayachtscanada.com\/wp-content\/uploads\/2025\/11\/Capture-decran-le-2025-11-04-a-15.39.38.jpg?resize=50%2C50&amp;ssl=1 50w, https:\/\/i0.wp.com\/itayachtscanada.com\/wp-content\/uploads\/2025\/11\/Capture-decran-le-2025-11-04-a-15.39.38.jpg?zoom=2&amp;resize=150%2C150&amp;ssl=1 300w, https:\/\/i0.wp.com\/itayachtscanada.com\/wp-content\/uploads\/2025\/11\/Capture-decran-le-2025-11-04-a-15.39.38.jpg?zoom=3&amp;resize=150%2C150&amp;ssl=1 450w\" sizes=\"auto, (max-width: 150px) 100vw, 150px\" data-attachment-id=\"292601\" data-permalink=\"https:\/\/itayachtscanada.com\/fr\/listing\/belize-66-daybridge-2025-3945000-usd-for-sale\/capture-decran-le-2025-11-04-a-15-39-38\/\" data-orig-file=\"https:\/\/i0.wp.com\/itayachtscanada.com\/wp-content\/uploads\/2025\/11\/Capture-decran-le-2025-11-04-a-15.39.38.jpg?fit=1260%2C820&amp;ssl=1\" data-orig-size=\"1260,820\" data-comments-opened=\"1\" data-image-meta=\"{&quot;aperture&quot;:&quot;0&quot;,&quot;credit&quot;:&quot;&quot;,&quot;camera&quot;:&quot;&quot;,&quot;caption&quot;:&quot;&quot;,&quot;created_timestamp&quot;:&quot;0&quot;,&quot;copyright&quot;:&quot;&quot;,&quot;focal_length&quot;:&quot;0&quot;,&quot;iso&quot;:&quot;0&quot;,&quot;shutter_speed&quot;:&quot;0&quot;,&quot;title&quot;:&quot;&quot;,&quot;orientation&quot;:&quot;0&quot;}\" data-image-title=\"Capture d\u2019e\u0301cran, le 2025-11-04 a\u0300 15.39.38\" data-image-description=\"\" data-image-caption=\"\" data-large-file=\"https:\/\/i0.wp.com\/itayachtscanada.com\/wp-content\/uploads\/2025\/11\/Capture-decran-le-2025-11-04-a-15.39.38.jpg?fit=700%2C455&amp;ssl=1\" \/><\/a>\n\t\t\t<\/div><\/figure><figure class='gallery-item'>\n\t\t\t<div class='gallery-icon landscape'>\n\t\t\t\t<a href='https:\/\/itayachtscanada.com\/fr\/listing\/belize-66-daybridge-2025-3945000-usd-for-sale\/capture-decran-le-2025-11-04-a-15-39-35\/'><img loading=\"lazy\" decoding=\"async\" width=\"150\" height=\"150\" src=\"https:\/\/i0.wp.com\/itayachtscanada.com\/wp-content\/uploads\/2025\/11\/Capture-decran-le-2025-11-04-a-15.39.35.jpg?resize=150%2C150&amp;ssl=1\" class=\"attachment-thumbnail size-thumbnail\" alt=\"\" srcset=\"https:\/\/i0.wp.com\/itayachtscanada.com\/wp-content\/uploads\/2025\/11\/Capture-decran-le-2025-11-04-a-15.39.35.jpg?resize=150%2C150&amp;ssl=1 150w, https:\/\/i0.wp.com\/itayachtscanada.com\/wp-content\/uploads\/2025\/11\/Capture-decran-le-2025-11-04-a-15.39.35.jpg?resize=60%2C60&amp;ssl=1 60w, https:\/\/i0.wp.com\/itayachtscanada.com\/wp-content\/uploads\/2025\/11\/Capture-decran-le-2025-11-04-a-15.39.35.jpg?resize=80%2C80&amp;ssl=1 80w, https:\/\/i0.wp.com\/itayachtscanada.com\/wp-content\/uploads\/2025\/11\/Capture-decran-le-2025-11-04-a-15.39.35.jpg?resize=100%2C100&amp;ssl=1 100w, https:\/\/i0.wp.com\/itayachtscanada.com\/wp-content\/uploads\/2025\/11\/Capture-decran-le-2025-11-04-a-15.39.35.jpg?resize=50%2C50&amp;ssl=1 50w, https:\/\/i0.wp.com\/itayachtscanada.com\/wp-content\/uploads\/2025\/11\/Capture-decran-le-2025-11-04-a-15.39.35.jpg?zoom=2&amp;resize=150%2C150&amp;ssl=1 300w, https:\/\/i0.wp.com\/itayachtscanada.com\/wp-content\/uploads\/2025\/11\/Capture-decran-le-2025-11-04-a-15.39.35.jpg?zoom=3&amp;resize=150%2C150&amp;ssl=1 450w\" sizes=\"auto, (max-width: 150px) 100vw, 150px\" data-attachment-id=\"292602\" data-permalink=\"https:\/\/itayachtscanada.com\/fr\/listing\/belize-66-daybridge-2025-3945000-usd-for-sale\/capture-decran-le-2025-11-04-a-15-39-35\/\" data-orig-file=\"https:\/\/i0.wp.com\/itayachtscanada.com\/wp-content\/uploads\/2025\/11\/Capture-decran-le-2025-11-04-a-15.39.35.jpg?fit=1260%2C820&amp;ssl=1\" data-orig-size=\"1260,820\" data-comments-opened=\"1\" data-image-meta=\"{&quot;aperture&quot;:&quot;0&quot;,&quot;credit&quot;:&quot;&quot;,&quot;camera&quot;:&quot;&quot;,&quot;caption&quot;:&quot;&quot;,&quot;created_timestamp&quot;:&quot;0&quot;,&quot;copyright&quot;:&quot;&quot;,&quot;focal_length&quot;:&quot;0&quot;,&quot;iso&quot;:&quot;0&quot;,&quot;shutter_speed&quot;:&quot;0&quot;,&quot;title&quot;:&quot;&quot;,&quot;orientation&quot;:&quot;0&quot;}\" data-image-title=\"Capture d\u2019e\u0301cran, le 2025-11-04 a\u0300 15.39.35\" data-image-description=\"\" data-image-caption=\"\" data-large-file=\"https:\/\/i0.wp.com\/itayachtscanada.com\/wp-content\/uploads\/2025\/11\/Capture-decran-le-2025-11-04-a-15.39.35.jpg?fit=700%2C455&amp;ssl=1\" \/><\/a>\n\t\t\t<\/div><\/figure><figure class='gallery-item'>\n\t\t\t<div class='gallery-icon landscape'>\n\t\t\t\t<a href='https:\/\/itayachtscanada.com\/fr\/listing\/belize-66-daybridge-2025-3945000-usd-for-sale\/capture-decran-le-2025-11-04-a-15-39-31\/'><img loading=\"lazy\" decoding=\"async\" width=\"150\" height=\"150\" src=\"https:\/\/i0.wp.com\/itayachtscanada.com\/wp-content\/uploads\/2025\/11\/Capture-decran-le-2025-11-04-a-15.39.31.jpg?resize=150%2C150&amp;ssl=1\" class=\"attachment-thumbnail size-thumbnail\" alt=\"\" srcset=\"https:\/\/i0.wp.com\/itayachtscanada.com\/wp-content\/uploads\/2025\/11\/Capture-decran-le-2025-11-04-a-15.39.31.jpg?resize=150%2C150&amp;ssl=1 150w, https:\/\/i0.wp.com\/itayachtscanada.com\/wp-content\/uploads\/2025\/11\/Capture-decran-le-2025-11-04-a-15.39.31.jpg?resize=60%2C60&amp;ssl=1 60w, https:\/\/i0.wp.com\/itayachtscanada.com\/wp-content\/uploads\/2025\/11\/Capture-decran-le-2025-11-04-a-15.39.31.jpg?resize=80%2C80&amp;ssl=1 80w, https:\/\/i0.wp.com\/itayachtscanada.com\/wp-content\/uploads\/2025\/11\/Capture-decran-le-2025-11-04-a-15.39.31.jpg?resize=100%2C100&amp;ssl=1 100w, https:\/\/i0.wp.com\/itayachtscanada.com\/wp-content\/uploads\/2025\/11\/Capture-decran-le-2025-11-04-a-15.39.31.jpg?resize=50%2C50&amp;ssl=1 50w, https:\/\/i0.wp.com\/itayachtscanada.com\/wp-content\/uploads\/2025\/11\/Capture-decran-le-2025-11-04-a-15.39.31.jpg?zoom=2&amp;resize=150%2C150&amp;ssl=1 300w, https:\/\/i0.wp.com\/itayachtscanada.com\/wp-content\/uploads\/2025\/11\/Capture-decran-le-2025-11-04-a-15.39.31.jpg?zoom=3&amp;resize=150%2C150&amp;ssl=1 450w\" sizes=\"auto, (max-width: 150px) 100vw, 150px\" data-attachment-id=\"292603\" data-permalink=\"https:\/\/itayachtscanada.com\/fr\/listing\/belize-66-daybridge-2025-3945000-usd-for-sale\/capture-decran-le-2025-11-04-a-15-39-31\/\" data-orig-file=\"https:\/\/i0.wp.com\/itayachtscanada.com\/wp-content\/uploads\/2025\/11\/Capture-decran-le-2025-11-04-a-15.39.31.jpg?fit=1260%2C820&amp;ssl=1\" data-orig-size=\"1260,820\" data-comments-opened=\"1\" data-image-meta=\"{&quot;aperture&quot;:&quot;0&quot;,&quot;credit&quot;:&quot;&quot;,&quot;camera&quot;:&quot;&quot;,&quot;caption&quot;:&quot;&quot;,&quot;created_timestamp&quot;:&quot;0&quot;,&quot;copyright&quot;:&quot;&quot;,&quot;focal_length&quot;:&quot;0&quot;,&quot;iso&quot;:&quot;0&quot;,&quot;shutter_speed&quot;:&quot;0&quot;,&quot;title&quot;:&quot;&quot;,&quot;orientation&quot;:&quot;0&quot;}\" data-image-title=\"Capture d\u2019e\u0301cran, le 2025-11-04 a\u0300 15.39.31\" data-image-description=\"\" data-image-caption=\"\" data-large-file=\"https:\/\/i0.wp.com\/itayachtscanada.com\/wp-content\/uploads\/2025\/11\/Capture-decran-le-2025-11-04-a-15.39.31.jpg?fit=700%2C455&amp;ssl=1\" \/><\/a>\n\t\t\t<\/div><\/figure><figure class='gallery-item'>\n\t\t\t<div class='gallery-icon landscape'>\n\t\t\t\t<a href='https:\/\/itayachtscanada.com\/fr\/listing\/belize-66-daybridge-2025-3945000-usd-for-sale\/capture-decran-le-2025-11-04-a-15-39-27\/'><img loading=\"lazy\" decoding=\"async\" width=\"150\" height=\"150\" src=\"https:\/\/i0.wp.com\/itayachtscanada.com\/wp-content\/uploads\/2025\/11\/Capture-decran-le-2025-11-04-a-15.39.27.jpg?resize=150%2C150&amp;ssl=1\" class=\"attachment-thumbnail size-thumbnail\" alt=\"\" srcset=\"https:\/\/i0.wp.com\/itayachtscanada.com\/wp-content\/uploads\/2025\/11\/Capture-decran-le-2025-11-04-a-15.39.27.jpg?resize=150%2C150&amp;ssl=1 150w, https:\/\/i0.wp.com\/itayachtscanada.com\/wp-content\/uploads\/2025\/11\/Capture-decran-le-2025-11-04-a-15.39.27.jpg?resize=60%2C60&amp;ssl=1 60w, https:\/\/i0.wp.com\/itayachtscanada.com\/wp-content\/uploads\/2025\/11\/Capture-decran-le-2025-11-04-a-15.39.27.jpg?resize=80%2C80&amp;ssl=1 80w, https:\/\/i0.wp.com\/itayachtscanada.com\/wp-content\/uploads\/2025\/11\/Capture-decran-le-2025-11-04-a-15.39.27.jpg?resize=100%2C100&amp;ssl=1 100w, https:\/\/i0.wp.com\/itayachtscanada.com\/wp-content\/uploads\/2025\/11\/Capture-decran-le-2025-11-04-a-15.39.27.jpg?resize=50%2C50&amp;ssl=1 50w, https:\/\/i0.wp.com\/itayachtscanada.com\/wp-content\/uploads\/2025\/11\/Capture-decran-le-2025-11-04-a-15.39.27.jpg?zoom=2&amp;resize=150%2C150&amp;ssl=1 300w, https:\/\/i0.wp.com\/itayachtscanada.com\/wp-content\/uploads\/2025\/11\/Capture-decran-le-2025-11-04-a-15.39.27.jpg?zoom=3&amp;resize=150%2C150&amp;ssl=1 450w\" sizes=\"auto, (max-width: 150px) 100vw, 150px\" data-attachment-id=\"292604\" data-permalink=\"https:\/\/itayachtscanada.com\/fr\/listing\/belize-66-daybridge-2025-3945000-usd-for-sale\/capture-decran-le-2025-11-04-a-15-39-27\/\" data-orig-file=\"https:\/\/i0.wp.com\/itayachtscanada.com\/wp-content\/uploads\/2025\/11\/Capture-decran-le-2025-11-04-a-15.39.27.jpg?fit=1260%2C820&amp;ssl=1\" data-orig-size=\"1260,820\" data-comments-opened=\"1\" data-image-meta=\"{&quot;aperture&quot;:&quot;0&quot;,&quot;credit&quot;:&quot;&quot;,&quot;camera&quot;:&quot;&quot;,&quot;caption&quot;:&quot;&quot;,&quot;created_timestamp&quot;:&quot;0&quot;,&quot;copyright&quot;:&quot;&quot;,&quot;focal_length&quot;:&quot;0&quot;,&quot;iso&quot;:&quot;0&quot;,&quot;shutter_speed&quot;:&quot;0&quot;,&quot;title&quot;:&quot;&quot;,&quot;orientation&quot;:&quot;0&quot;}\" data-image-title=\"Capture d\u2019e\u0301cran, le 2025-11-04 a\u0300 15.39.27\" data-image-description=\"\" data-image-caption=\"\" data-large-file=\"https:\/\/i0.wp.com\/itayachtscanada.com\/wp-content\/uploads\/2025\/11\/Capture-decran-le-2025-11-04-a-15.39.27.jpg?fit=700%2C455&amp;ssl=1\" \/><\/a>\n\t\t\t<\/div><\/figure><figure class='gallery-item'>\n\t\t\t<div class='gallery-icon landscape'>\n\t\t\t\t<a href='https:\/\/itayachtscanada.com\/fr\/listing\/belize-66-daybridge-2025-3945000-usd-for-sale\/capture-decran-le-2025-11-04-a-15-39-24\/'><img loading=\"lazy\" decoding=\"async\" width=\"150\" height=\"150\" src=\"https:\/\/i0.wp.com\/itayachtscanada.com\/wp-content\/uploads\/2025\/11\/Capture-decran-le-2025-11-04-a-15.39.24.jpg?resize=150%2C150&amp;ssl=1\" class=\"attachment-thumbnail size-thumbnail\" alt=\"\" srcset=\"https:\/\/i0.wp.com\/itayachtscanada.com\/wp-content\/uploads\/2025\/11\/Capture-decran-le-2025-11-04-a-15.39.24.jpg?resize=150%2C150&amp;ssl=1 150w, https:\/\/i0.wp.com\/itayachtscanada.com\/wp-content\/uploads\/2025\/11\/Capture-decran-le-2025-11-04-a-15.39.24.jpg?resize=60%2C60&amp;ssl=1 60w, https:\/\/i0.wp.com\/itayachtscanada.com\/wp-content\/uploads\/2025\/11\/Capture-decran-le-2025-11-04-a-15.39.24.jpg?resize=80%2C80&amp;ssl=1 80w, https:\/\/i0.wp.com\/itayachtscanada.com\/wp-content\/uploads\/2025\/11\/Capture-decran-le-2025-11-04-a-15.39.24.jpg?resize=100%2C100&amp;ssl=1 100w, https:\/\/i0.wp.com\/itayachtscanada.com\/wp-content\/uploads\/2025\/11\/Capture-decran-le-2025-11-04-a-15.39.24.jpg?resize=50%2C50&amp;ssl=1 50w, https:\/\/i0.wp.com\/itayachtscanada.com\/wp-content\/uploads\/2025\/11\/Capture-decran-le-2025-11-04-a-15.39.24.jpg?zoom=2&amp;resize=150%2C150&amp;ssl=1 300w, https:\/\/i0.wp.com\/itayachtscanada.com\/wp-content\/uploads\/2025\/11\/Capture-decran-le-2025-11-04-a-15.39.24.jpg?zoom=3&amp;resize=150%2C150&amp;ssl=1 450w\" sizes=\"auto, (max-width: 150px) 100vw, 150px\" data-attachment-id=\"292605\" data-permalink=\"https:\/\/itayachtscanada.com\/fr\/listing\/belize-66-daybridge-2025-3945000-usd-for-sale\/capture-decran-le-2025-11-04-a-15-39-24\/\" data-orig-file=\"https:\/\/i0.wp.com\/itayachtscanada.com\/wp-content\/uploads\/2025\/11\/Capture-decran-le-2025-11-04-a-15.39.24.jpg?fit=1260%2C820&amp;ssl=1\" data-orig-size=\"1260,820\" data-comments-opened=\"1\" data-image-meta=\"{&quot;aperture&quot;:&quot;0&quot;,&quot;credit&quot;:&quot;&quot;,&quot;camera&quot;:&quot;&quot;,&quot;caption&quot;:&quot;&quot;,&quot;created_timestamp&quot;:&quot;0&quot;,&quot;copyright&quot;:&quot;&quot;,&quot;focal_length&quot;:&quot;0&quot;,&quot;iso&quot;:&quot;0&quot;,&quot;shutter_speed&quot;:&quot;0&quot;,&quot;title&quot;:&quot;&quot;,&quot;orientation&quot;:&quot;0&quot;}\" data-image-title=\"Capture d\u2019e\u0301cran, le 2025-11-04 a\u0300 15.39.24\" data-image-description=\"\" data-image-caption=\"\" data-large-file=\"https:\/\/i0.wp.com\/itayachtscanada.com\/wp-content\/uploads\/2025\/11\/Capture-decran-le-2025-11-04-a-15.39.24.jpg?fit=700%2C455&amp;ssl=1\" \/><\/a>\n\t\t\t<\/div><\/figure><figure class='gallery-item'>\n\t\t\t<div class='gallery-icon landscape'>\n\t\t\t\t<a href='https:\/\/itayachtscanada.com\/fr\/listing\/belize-66-daybridge-2025-3945000-usd-for-sale\/capture-decran-le-2025-11-04-a-15-39-21\/'><img loading=\"lazy\" decoding=\"async\" width=\"150\" height=\"150\" src=\"https:\/\/i0.wp.com\/itayachtscanada.com\/wp-content\/uploads\/2025\/11\/Capture-decran-le-2025-11-04-a-15.39.21.jpg?resize=150%2C150&amp;ssl=1\" class=\"attachment-thumbnail size-thumbnail\" alt=\"\" srcset=\"https:\/\/i0.wp.com\/itayachtscanada.com\/wp-content\/uploads\/2025\/11\/Capture-decran-le-2025-11-04-a-15.39.21.jpg?resize=150%2C150&amp;ssl=1 150w, https:\/\/i0.wp.com\/itayachtscanada.com\/wp-content\/uploads\/2025\/11\/Capture-decran-le-2025-11-04-a-15.39.21.jpg?resize=60%2C60&amp;ssl=1 60w, https:\/\/i0.wp.com\/itayachtscanada.com\/wp-content\/uploads\/2025\/11\/Capture-decran-le-2025-11-04-a-15.39.21.jpg?resize=80%2C80&amp;ssl=1 80w, https:\/\/i0.wp.com\/itayachtscanada.com\/wp-content\/uploads\/2025\/11\/Capture-decran-le-2025-11-04-a-15.39.21.jpg?resize=100%2C100&amp;ssl=1 100w, https:\/\/i0.wp.com\/itayachtscanada.com\/wp-content\/uploads\/2025\/11\/Capture-decran-le-2025-11-04-a-15.39.21.jpg?resize=50%2C50&amp;ssl=1 50w, https:\/\/i0.wp.com\/itayachtscanada.com\/wp-content\/uploads\/2025\/11\/Capture-decran-le-2025-11-04-a-15.39.21.jpg?zoom=2&amp;resize=150%2C150&amp;ssl=1 300w, https:\/\/i0.wp.com\/itayachtscanada.com\/wp-content\/uploads\/2025\/11\/Capture-decran-le-2025-11-04-a-15.39.21.jpg?zoom=3&amp;resize=150%2C150&amp;ssl=1 450w\" sizes=\"auto, (max-width: 150px) 100vw, 150px\" data-attachment-id=\"292606\" data-permalink=\"https:\/\/itayachtscanada.com\/fr\/listing\/belize-66-daybridge-2025-3945000-usd-for-sale\/capture-decran-le-2025-11-04-a-15-39-21\/\" data-orig-file=\"https:\/\/i0.wp.com\/itayachtscanada.com\/wp-content\/uploads\/2025\/11\/Capture-decran-le-2025-11-04-a-15.39.21.jpg?fit=1260%2C820&amp;ssl=1\" data-orig-size=\"1260,820\" data-comments-opened=\"1\" data-image-meta=\"{&quot;aperture&quot;:&quot;0&quot;,&quot;credit&quot;:&quot;&quot;,&quot;camera&quot;:&quot;&quot;,&quot;caption&quot;:&quot;&quot;,&quot;created_timestamp&quot;:&quot;0&quot;,&quot;copyright&quot;:&quot;&quot;,&quot;focal_length&quot;:&quot;0&quot;,&quot;iso&quot;:&quot;0&quot;,&quot;shutter_speed&quot;:&quot;0&quot;,&quot;title&quot;:&quot;&quot;,&quot;orientation&quot;:&quot;0&quot;}\" data-image-title=\"Capture d\u2019e\u0301cran, le 2025-11-04 a\u0300 15.39.21\" data-image-description=\"\" data-image-caption=\"\" data-large-file=\"https:\/\/i0.wp.com\/itayachtscanada.com\/wp-content\/uploads\/2025\/11\/Capture-decran-le-2025-11-04-a-15.39.21.jpg?fit=700%2C455&amp;ssl=1\" \/><\/a>\n\t\t\t<\/div><\/figure><figure class='gallery-item'>\n\t\t\t<div class='gallery-icon landscape'>\n\t\t\t\t<a href='https:\/\/itayachtscanada.com\/fr\/listing\/belize-66-daybridge-2025-3945000-usd-for-sale\/capture-decran-le-2025-11-04-a-15-39-18\/'><img loading=\"lazy\" decoding=\"async\" width=\"150\" height=\"150\" src=\"https:\/\/i0.wp.com\/itayachtscanada.com\/wp-content\/uploads\/2025\/11\/Capture-decran-le-2025-11-04-a-15.39.18.jpg?resize=150%2C150&amp;ssl=1\" class=\"attachment-thumbnail size-thumbnail\" alt=\"\" srcset=\"https:\/\/i0.wp.com\/itayachtscanada.com\/wp-content\/uploads\/2025\/11\/Capture-decran-le-2025-11-04-a-15.39.18.jpg?resize=150%2C150&amp;ssl=1 150w, https:\/\/i0.wp.com\/itayachtscanada.com\/wp-content\/uploads\/2025\/11\/Capture-decran-le-2025-11-04-a-15.39.18.jpg?resize=60%2C60&amp;ssl=1 60w, https:\/\/i0.wp.com\/itayachtscanada.com\/wp-content\/uploads\/2025\/11\/Capture-decran-le-2025-11-04-a-15.39.18.jpg?resize=80%2C80&amp;ssl=1 80w, https:\/\/i0.wp.com\/itayachtscanada.com\/wp-content\/uploads\/2025\/11\/Capture-decran-le-2025-11-04-a-15.39.18.jpg?resize=100%2C100&amp;ssl=1 100w, https:\/\/i0.wp.com\/itayachtscanada.com\/wp-content\/uploads\/2025\/11\/Capture-decran-le-2025-11-04-a-15.39.18.jpg?resize=50%2C50&amp;ssl=1 50w, https:\/\/i0.wp.com\/itayachtscanada.com\/wp-content\/uploads\/2025\/11\/Capture-decran-le-2025-11-04-a-15.39.18.jpg?zoom=2&amp;resize=150%2C150&amp;ssl=1 300w, https:\/\/i0.wp.com\/itayachtscanada.com\/wp-content\/uploads\/2025\/11\/Capture-decran-le-2025-11-04-a-15.39.18.jpg?zoom=3&amp;resize=150%2C150&amp;ssl=1 450w\" sizes=\"auto, (max-width: 150px) 100vw, 150px\" data-attachment-id=\"292607\" data-permalink=\"https:\/\/itayachtscanada.com\/fr\/listing\/belize-66-daybridge-2025-3945000-usd-for-sale\/capture-decran-le-2025-11-04-a-15-39-18\/\" data-orig-file=\"https:\/\/i0.wp.com\/itayachtscanada.com\/wp-content\/uploads\/2025\/11\/Capture-decran-le-2025-11-04-a-15.39.18.jpg?fit=1260%2C820&amp;ssl=1\" data-orig-size=\"1260,820\" data-comments-opened=\"1\" data-image-meta=\"{&quot;aperture&quot;:&quot;0&quot;,&quot;credit&quot;:&quot;&quot;,&quot;camera&quot;:&quot;&quot;,&quot;caption&quot;:&quot;&quot;,&quot;created_timestamp&quot;:&quot;0&quot;,&quot;copyright&quot;:&quot;&quot;,&quot;focal_length&quot;:&quot;0&quot;,&quot;iso&quot;:&quot;0&quot;,&quot;shutter_speed&quot;:&quot;0&quot;,&quot;title&quot;:&quot;&quot;,&quot;orientation&quot;:&quot;0&quot;}\" data-image-title=\"Capture d\u2019e\u0301cran, le 2025-11-04 a\u0300 15.39.18\" data-image-description=\"\" data-image-caption=\"\" data-large-file=\"https:\/\/i0.wp.com\/itayachtscanada.com\/wp-content\/uploads\/2025\/11\/Capture-decran-le-2025-11-04-a-15.39.18.jpg?fit=700%2C455&amp;ssl=1\" \/><\/a>\n\t\t\t<\/div><\/figure><figure class='gallery-item'>\n\t\t\t<div class='gallery-icon landscape'>\n\t\t\t\t<a href='https:\/\/itayachtscanada.com\/fr\/listing\/belize-66-daybridge-2025-3945000-usd-for-sale\/capture-decran-le-2025-11-04-a-15-39-15\/'><img loading=\"lazy\" decoding=\"async\" width=\"150\" height=\"150\" src=\"https:\/\/i0.wp.com\/itayachtscanada.com\/wp-content\/uploads\/2025\/11\/Capture-decran-le-2025-11-04-a-15.39.15.jpg?resize=150%2C150&amp;ssl=1\" class=\"attachment-thumbnail size-thumbnail\" alt=\"\" srcset=\"https:\/\/i0.wp.com\/itayachtscanada.com\/wp-content\/uploads\/2025\/11\/Capture-decran-le-2025-11-04-a-15.39.15.jpg?resize=150%2C150&amp;ssl=1 150w, https:\/\/i0.wp.com\/itayachtscanada.com\/wp-content\/uploads\/2025\/11\/Capture-decran-le-2025-11-04-a-15.39.15.jpg?resize=60%2C60&amp;ssl=1 60w, https:\/\/i0.wp.com\/itayachtscanada.com\/wp-content\/uploads\/2025\/11\/Capture-decran-le-2025-11-04-a-15.39.15.jpg?resize=80%2C80&amp;ssl=1 80w, https:\/\/i0.wp.com\/itayachtscanada.com\/wp-content\/uploads\/2025\/11\/Capture-decran-le-2025-11-04-a-15.39.15.jpg?resize=100%2C100&amp;ssl=1 100w, https:\/\/i0.wp.com\/itayachtscanada.com\/wp-content\/uploads\/2025\/11\/Capture-decran-le-2025-11-04-a-15.39.15.jpg?resize=50%2C50&amp;ssl=1 50w, https:\/\/i0.wp.com\/itayachtscanada.com\/wp-content\/uploads\/2025\/11\/Capture-decran-le-2025-11-04-a-15.39.15.jpg?zoom=2&amp;resize=150%2C150&amp;ssl=1 300w, https:\/\/i0.wp.com\/itayachtscanada.com\/wp-content\/uploads\/2025\/11\/Capture-decran-le-2025-11-04-a-15.39.15.jpg?zoom=3&amp;resize=150%2C150&amp;ssl=1 450w\" sizes=\"auto, (max-width: 150px) 100vw, 150px\" data-attachment-id=\"292608\" data-permalink=\"https:\/\/itayachtscanada.com\/fr\/listing\/belize-66-daybridge-2025-3945000-usd-for-sale\/capture-decran-le-2025-11-04-a-15-39-15\/\" data-orig-file=\"https:\/\/i0.wp.com\/itayachtscanada.com\/wp-content\/uploads\/2025\/11\/Capture-decran-le-2025-11-04-a-15.39.15.jpg?fit=1260%2C820&amp;ssl=1\" data-orig-size=\"1260,820\" data-comments-opened=\"1\" data-image-meta=\"{&quot;aperture&quot;:&quot;0&quot;,&quot;credit&quot;:&quot;&quot;,&quot;camera&quot;:&quot;&quot;,&quot;caption&quot;:&quot;&quot;,&quot;created_timestamp&quot;:&quot;0&quot;,&quot;copyright&quot;:&quot;&quot;,&quot;focal_length&quot;:&quot;0&quot;,&quot;iso&quot;:&quot;0&quot;,&quot;shutter_speed&quot;:&quot;0&quot;,&quot;title&quot;:&quot;&quot;,&quot;orientation&quot;:&quot;0&quot;}\" data-image-title=\"Capture d\u2019e\u0301cran, le 2025-11-04 a\u0300 15.39.15\" data-image-description=\"\" data-image-caption=\"\" data-large-file=\"https:\/\/i0.wp.com\/itayachtscanada.com\/wp-content\/uploads\/2025\/11\/Capture-decran-le-2025-11-04-a-15.39.15.jpg?fit=700%2C455&amp;ssl=1\" \/><\/a>\n\t\t\t<\/div><\/figure><figure class='gallery-item'>\n\t\t\t<div class='gallery-icon landscape'>\n\t\t\t\t<a href='https:\/\/itayachtscanada.com\/fr\/listing\/belize-66-daybridge-2025-3945000-usd-for-sale\/capture-decran-le-2025-11-04-a-15-39-12\/'><img loading=\"lazy\" decoding=\"async\" width=\"150\" height=\"150\" src=\"https:\/\/i0.wp.com\/itayachtscanada.com\/wp-content\/uploads\/2025\/11\/Capture-decran-le-2025-11-04-a-15.39.12.jpg?resize=150%2C150&amp;ssl=1\" class=\"attachment-thumbnail size-thumbnail\" alt=\"\" srcset=\"https:\/\/i0.wp.com\/itayachtscanada.com\/wp-content\/uploads\/2025\/11\/Capture-decran-le-2025-11-04-a-15.39.12.jpg?resize=150%2C150&amp;ssl=1 150w, https:\/\/i0.wp.com\/itayachtscanada.com\/wp-content\/uploads\/2025\/11\/Capture-decran-le-2025-11-04-a-15.39.12.jpg?resize=60%2C60&amp;ssl=1 60w, https:\/\/i0.wp.com\/itayachtscanada.com\/wp-content\/uploads\/2025\/11\/Capture-decran-le-2025-11-04-a-15.39.12.jpg?resize=80%2C80&amp;ssl=1 80w, https:\/\/i0.wp.com\/itayachtscanada.com\/wp-content\/uploads\/2025\/11\/Capture-decran-le-2025-11-04-a-15.39.12.jpg?resize=100%2C100&amp;ssl=1 100w, https:\/\/i0.wp.com\/itayachtscanada.com\/wp-content\/uploads\/2025\/11\/Capture-decran-le-2025-11-04-a-15.39.12.jpg?resize=50%2C50&amp;ssl=1 50w, https:\/\/i0.wp.com\/itayachtscanada.com\/wp-content\/uploads\/2025\/11\/Capture-decran-le-2025-11-04-a-15.39.12.jpg?zoom=2&amp;resize=150%2C150&amp;ssl=1 300w, https:\/\/i0.wp.com\/itayachtscanada.com\/wp-content\/uploads\/2025\/11\/Capture-decran-le-2025-11-04-a-15.39.12.jpg?zoom=3&amp;resize=150%2C150&amp;ssl=1 450w\" sizes=\"auto, (max-width: 150px) 100vw, 150px\" data-attachment-id=\"292609\" data-permalink=\"https:\/\/itayachtscanada.com\/fr\/listing\/belize-66-daybridge-2025-3945000-usd-for-sale\/capture-decran-le-2025-11-04-a-15-39-12\/\" data-orig-file=\"https:\/\/i0.wp.com\/itayachtscanada.com\/wp-content\/uploads\/2025\/11\/Capture-decran-le-2025-11-04-a-15.39.12.jpg?fit=1260%2C820&amp;ssl=1\" data-orig-size=\"1260,820\" data-comments-opened=\"1\" data-image-meta=\"{&quot;aperture&quot;:&quot;0&quot;,&quot;credit&quot;:&quot;&quot;,&quot;camera&quot;:&quot;&quot;,&quot;caption&quot;:&quot;&quot;,&quot;created_timestamp&quot;:&quot;0&quot;,&quot;copyright&quot;:&quot;&quot;,&quot;focal_length&quot;:&quot;0&quot;,&quot;iso&quot;:&quot;0&quot;,&quot;shutter_speed&quot;:&quot;0&quot;,&quot;title&quot;:&quot;&quot;,&quot;orientation&quot;:&quot;0&quot;}\" data-image-title=\"Capture d\u2019e\u0301cran, le 2025-11-04 a\u0300 15.39.12\" data-image-description=\"\" data-image-caption=\"\" data-large-file=\"https:\/\/i0.wp.com\/itayachtscanada.com\/wp-content\/uploads\/2025\/11\/Capture-decran-le-2025-11-04-a-15.39.12.jpg?fit=700%2C455&amp;ssl=1\" \/><\/a>\n\t\t\t<\/div><\/figure><figure class='gallery-item'>\n\t\t\t<div class='gallery-icon landscape'>\n\t\t\t\t<a href='https:\/\/itayachtscanada.com\/fr\/listing\/belize-66-daybridge-2025-3945000-usd-for-sale\/capture-decran-le-2025-11-04-a-15-39-09\/'><img loading=\"lazy\" decoding=\"async\" width=\"150\" height=\"150\" src=\"https:\/\/i0.wp.com\/itayachtscanada.com\/wp-content\/uploads\/2025\/11\/Capture-decran-le-2025-11-04-a-15.39.09.jpg?resize=150%2C150&amp;ssl=1\" class=\"attachment-thumbnail size-thumbnail\" alt=\"\" srcset=\"https:\/\/i0.wp.com\/itayachtscanada.com\/wp-content\/uploads\/2025\/11\/Capture-decran-le-2025-11-04-a-15.39.09.jpg?resize=150%2C150&amp;ssl=1 150w, https:\/\/i0.wp.com\/itayachtscanada.com\/wp-content\/uploads\/2025\/11\/Capture-decran-le-2025-11-04-a-15.39.09.jpg?resize=60%2C60&amp;ssl=1 60w, https:\/\/i0.wp.com\/itayachtscanada.com\/wp-content\/uploads\/2025\/11\/Capture-decran-le-2025-11-04-a-15.39.09.jpg?resize=80%2C80&amp;ssl=1 80w, https:\/\/i0.wp.com\/itayachtscanada.com\/wp-content\/uploads\/2025\/11\/Capture-decran-le-2025-11-04-a-15.39.09.jpg?resize=100%2C100&amp;ssl=1 100w, https:\/\/i0.wp.com\/itayachtscanada.com\/wp-content\/uploads\/2025\/11\/Capture-decran-le-2025-11-04-a-15.39.09.jpg?resize=50%2C50&amp;ssl=1 50w, https:\/\/i0.wp.com\/itayachtscanada.com\/wp-content\/uploads\/2025\/11\/Capture-decran-le-2025-11-04-a-15.39.09.jpg?zoom=2&amp;resize=150%2C150&amp;ssl=1 300w, https:\/\/i0.wp.com\/itayachtscanada.com\/wp-content\/uploads\/2025\/11\/Capture-decran-le-2025-11-04-a-15.39.09.jpg?zoom=3&amp;resize=150%2C150&amp;ssl=1 450w\" sizes=\"auto, (max-width: 150px) 100vw, 150px\" data-attachment-id=\"292610\" data-permalink=\"https:\/\/itayachtscanada.com\/fr\/listing\/belize-66-daybridge-2025-3945000-usd-for-sale\/capture-decran-le-2025-11-04-a-15-39-09\/\" data-orig-file=\"https:\/\/i0.wp.com\/itayachtscanada.com\/wp-content\/uploads\/2025\/11\/Capture-decran-le-2025-11-04-a-15.39.09.jpg?fit=1260%2C820&amp;ssl=1\" data-orig-size=\"1260,820\" data-comments-opened=\"1\" data-image-meta=\"{&quot;aperture&quot;:&quot;0&quot;,&quot;credit&quot;:&quot;&quot;,&quot;camera&quot;:&quot;&quot;,&quot;caption&quot;:&quot;&quot;,&quot;created_timestamp&quot;:&quot;0&quot;,&quot;copyright&quot;:&quot;&quot;,&quot;focal_length&quot;:&quot;0&quot;,&quot;iso&quot;:&quot;0&quot;,&quot;shutter_speed&quot;:&quot;0&quot;,&quot;title&quot;:&quot;&quot;,&quot;orientation&quot;:&quot;0&quot;}\" data-image-title=\"Capture d\u2019e\u0301cran, le 2025-11-04 a\u0300 15.39.09\" data-image-description=\"\" data-image-caption=\"\" data-large-file=\"https:\/\/i0.wp.com\/itayachtscanada.com\/wp-content\/uploads\/2025\/11\/Capture-decran-le-2025-11-04-a-15.39.09.jpg?fit=700%2C455&amp;ssl=1\" \/><\/a>\n\t\t\t<\/div><\/figure><figure class='gallery-item'>\n\t\t\t<div class='gallery-icon landscape'>\n\t\t\t\t<a href='https:\/\/itayachtscanada.com\/fr\/listing\/belize-66-daybridge-2025-3945000-usd-for-sale\/capture-decran-le-2025-11-04-a-15-39-05\/'><img loading=\"lazy\" decoding=\"async\" width=\"150\" height=\"150\" src=\"https:\/\/i0.wp.com\/itayachtscanada.com\/wp-content\/uploads\/2025\/11\/Capture-decran-le-2025-11-04-a-15.39.05.jpg?resize=150%2C150&amp;ssl=1\" class=\"attachment-thumbnail size-thumbnail\" alt=\"\" srcset=\"https:\/\/i0.wp.com\/itayachtscanada.com\/wp-content\/uploads\/2025\/11\/Capture-decran-le-2025-11-04-a-15.39.05.jpg?resize=150%2C150&amp;ssl=1 150w, https:\/\/i0.wp.com\/itayachtscanada.com\/wp-content\/uploads\/2025\/11\/Capture-decran-le-2025-11-04-a-15.39.05.jpg?resize=60%2C60&amp;ssl=1 60w, https:\/\/i0.wp.com\/itayachtscanada.com\/wp-content\/uploads\/2025\/11\/Capture-decran-le-2025-11-04-a-15.39.05.jpg?resize=80%2C80&amp;ssl=1 80w, https:\/\/i0.wp.com\/itayachtscanada.com\/wp-content\/uploads\/2025\/11\/Capture-decran-le-2025-11-04-a-15.39.05.jpg?resize=100%2C100&amp;ssl=1 100w, https:\/\/i0.wp.com\/itayachtscanada.com\/wp-content\/uploads\/2025\/11\/Capture-decran-le-2025-11-04-a-15.39.05.jpg?resize=50%2C50&amp;ssl=1 50w, https:\/\/i0.wp.com\/itayachtscanada.com\/wp-content\/uploads\/2025\/11\/Capture-decran-le-2025-11-04-a-15.39.05.jpg?zoom=2&amp;resize=150%2C150&amp;ssl=1 300w, https:\/\/i0.wp.com\/itayachtscanada.com\/wp-content\/uploads\/2025\/11\/Capture-decran-le-2025-11-04-a-15.39.05.jpg?zoom=3&amp;resize=150%2C150&amp;ssl=1 450w\" sizes=\"auto, (max-width: 150px) 100vw, 150px\" data-attachment-id=\"292611\" data-permalink=\"https:\/\/itayachtscanada.com\/fr\/listing\/belize-66-daybridge-2025-3945000-usd-for-sale\/capture-decran-le-2025-11-04-a-15-39-05\/\" data-orig-file=\"https:\/\/i0.wp.com\/itayachtscanada.com\/wp-content\/uploads\/2025\/11\/Capture-decran-le-2025-11-04-a-15.39.05.jpg?fit=1260%2C820&amp;ssl=1\" data-orig-size=\"1260,820\" data-comments-opened=\"1\" data-image-meta=\"{&quot;aperture&quot;:&quot;0&quot;,&quot;credit&quot;:&quot;&quot;,&quot;camera&quot;:&quot;&quot;,&quot;caption&quot;:&quot;&quot;,&quot;created_timestamp&quot;:&quot;0&quot;,&quot;copyright&quot;:&quot;&quot;,&quot;focal_length&quot;:&quot;0&quot;,&quot;iso&quot;:&quot;0&quot;,&quot;shutter_speed&quot;:&quot;0&quot;,&quot;title&quot;:&quot;&quot;,&quot;orientation&quot;:&quot;0&quot;}\" data-image-title=\"Capture d\u2019e\u0301cran, le 2025-11-04 a\u0300 15.39.05\" data-image-description=\"\" data-image-caption=\"\" data-large-file=\"https:\/\/i0.wp.com\/itayachtscanada.com\/wp-content\/uploads\/2025\/11\/Capture-decran-le-2025-11-04-a-15.39.05.jpg?fit=700%2C455&amp;ssl=1\" \/><\/a>\n\t\t\t<\/div><\/figure><figure class='gallery-item'>\n\t\t\t<div class='gallery-icon landscape'>\n\t\t\t\t<a href='https:\/\/itayachtscanada.com\/fr\/listing\/belize-66-daybridge-2025-3945000-usd-for-sale\/capture-decran-le-2025-11-04-a-15-38-16\/'><img loading=\"lazy\" decoding=\"async\" width=\"150\" height=\"150\" src=\"https:\/\/i0.wp.com\/itayachtscanada.com\/wp-content\/uploads\/2025\/11\/Capture-decran-le-2025-11-04-a-15.38.16.jpg?resize=150%2C150&amp;ssl=1\" class=\"attachment-thumbnail size-thumbnail\" alt=\"\" srcset=\"https:\/\/i0.wp.com\/itayachtscanada.com\/wp-content\/uploads\/2025\/11\/Capture-decran-le-2025-11-04-a-15.38.16.jpg?resize=150%2C150&amp;ssl=1 150w, https:\/\/i0.wp.com\/itayachtscanada.com\/wp-content\/uploads\/2025\/11\/Capture-decran-le-2025-11-04-a-15.38.16.jpg?resize=60%2C60&amp;ssl=1 60w, https:\/\/i0.wp.com\/itayachtscanada.com\/wp-content\/uploads\/2025\/11\/Capture-decran-le-2025-11-04-a-15.38.16.jpg?resize=80%2C80&amp;ssl=1 80w, https:\/\/i0.wp.com\/itayachtscanada.com\/wp-content\/uploads\/2025\/11\/Capture-decran-le-2025-11-04-a-15.38.16.jpg?resize=100%2C100&amp;ssl=1 100w, https:\/\/i0.wp.com\/itayachtscanada.com\/wp-content\/uploads\/2025\/11\/Capture-decran-le-2025-11-04-a-15.38.16.jpg?resize=50%2C50&amp;ssl=1 50w, https:\/\/i0.wp.com\/itayachtscanada.com\/wp-content\/uploads\/2025\/11\/Capture-decran-le-2025-11-04-a-15.38.16.jpg?zoom=2&amp;resize=150%2C150&amp;ssl=1 300w, https:\/\/i0.wp.com\/itayachtscanada.com\/wp-content\/uploads\/2025\/11\/Capture-decran-le-2025-11-04-a-15.38.16.jpg?zoom=3&amp;resize=150%2C150&amp;ssl=1 450w\" sizes=\"auto, (max-width: 150px) 100vw, 150px\" data-attachment-id=\"292612\" data-permalink=\"https:\/\/itayachtscanada.com\/fr\/listing\/belize-66-daybridge-2025-3945000-usd-for-sale\/capture-decran-le-2025-11-04-a-15-38-16\/\" data-orig-file=\"https:\/\/i0.wp.com\/itayachtscanada.com\/wp-content\/uploads\/2025\/11\/Capture-decran-le-2025-11-04-a-15.38.16.jpg?fit=1260%2C820&amp;ssl=1\" data-orig-size=\"1260,820\" data-comments-opened=\"1\" data-image-meta=\"{&quot;aperture&quot;:&quot;0&quot;,&quot;credit&quot;:&quot;&quot;,&quot;camera&quot;:&quot;&quot;,&quot;caption&quot;:&quot;&quot;,&quot;created_timestamp&quot;:&quot;0&quot;,&quot;copyright&quot;:&quot;&quot;,&quot;focal_length&quot;:&quot;0&quot;,&quot;iso&quot;:&quot;0&quot;,&quot;shutter_speed&quot;:&quot;0&quot;,&quot;title&quot;:&quot;&quot;,&quot;orientation&quot;:&quot;0&quot;}\" data-image-title=\"Capture d\u2019e\u0301cran, le 2025-11-04 a\u0300 15.38.16\" data-image-description=\"\" data-image-caption=\"\" data-large-file=\"https:\/\/i0.wp.com\/itayachtscanada.com\/wp-content\/uploads\/2025\/11\/Capture-decran-le-2025-11-04-a-15.38.16.jpg?fit=700%2C455&amp;ssl=1\" \/><\/a>\n\t\t\t<\/div><\/figure><figure class='gallery-item'>\n\t\t\t<div class='gallery-icon landscape'>\n\t\t\t\t<a href='https:\/\/itayachtscanada.com\/fr\/listing\/belize-66-daybridge-2025-3945000-usd-for-sale\/capture-decran-le-2025-11-04-a-15-38-11\/'><img loading=\"lazy\" decoding=\"async\" width=\"150\" height=\"150\" src=\"https:\/\/i0.wp.com\/itayachtscanada.com\/wp-content\/uploads\/2025\/11\/Capture-decran-le-2025-11-04-a-15.38.11.jpg?resize=150%2C150&amp;ssl=1\" class=\"attachment-thumbnail size-thumbnail\" alt=\"\" srcset=\"https:\/\/i0.wp.com\/itayachtscanada.com\/wp-content\/uploads\/2025\/11\/Capture-decran-le-2025-11-04-a-15.38.11.jpg?resize=150%2C150&amp;ssl=1 150w, https:\/\/i0.wp.com\/itayachtscanada.com\/wp-content\/uploads\/2025\/11\/Capture-decran-le-2025-11-04-a-15.38.11.jpg?resize=60%2C60&amp;ssl=1 60w, https:\/\/i0.wp.com\/itayachtscanada.com\/wp-content\/uploads\/2025\/11\/Capture-decran-le-2025-11-04-a-15.38.11.jpg?resize=80%2C80&amp;ssl=1 80w, https:\/\/i0.wp.com\/itayachtscanada.com\/wp-content\/uploads\/2025\/11\/Capture-decran-le-2025-11-04-a-15.38.11.jpg?resize=100%2C100&amp;ssl=1 100w, https:\/\/i0.wp.com\/itayachtscanada.com\/wp-content\/uploads\/2025\/11\/Capture-decran-le-2025-11-04-a-15.38.11.jpg?resize=50%2C50&amp;ssl=1 50w, https:\/\/i0.wp.com\/itayachtscanada.com\/wp-content\/uploads\/2025\/11\/Capture-decran-le-2025-11-04-a-15.38.11.jpg?zoom=2&amp;resize=150%2C150&amp;ssl=1 300w, https:\/\/i0.wp.com\/itayachtscanada.com\/wp-content\/uploads\/2025\/11\/Capture-decran-le-2025-11-04-a-15.38.11.jpg?zoom=3&amp;resize=150%2C150&amp;ssl=1 450w\" sizes=\"auto, (max-width: 150px) 100vw, 150px\" data-attachment-id=\"292613\" data-permalink=\"https:\/\/itayachtscanada.com\/fr\/listing\/belize-66-daybridge-2025-3945000-usd-for-sale\/capture-decran-le-2025-11-04-a-15-38-11\/\" data-orig-file=\"https:\/\/i0.wp.com\/itayachtscanada.com\/wp-content\/uploads\/2025\/11\/Capture-decran-le-2025-11-04-a-15.38.11.jpg?fit=1260%2C820&amp;ssl=1\" data-orig-size=\"1260,820\" data-comments-opened=\"1\" data-image-meta=\"{&quot;aperture&quot;:&quot;0&quot;,&quot;credit&quot;:&quot;&quot;,&quot;camera&quot;:&quot;&quot;,&quot;caption&quot;:&quot;&quot;,&quot;created_timestamp&quot;:&quot;0&quot;,&quot;copyright&quot;:&quot;&quot;,&quot;focal_length&quot;:&quot;0&quot;,&quot;iso&quot;:&quot;0&quot;,&quot;shutter_speed&quot;:&quot;0&quot;,&quot;title&quot;:&quot;&quot;,&quot;orientation&quot;:&quot;0&quot;}\" data-image-title=\"Capture d\u2019e\u0301cran, le 2025-11-04 a\u0300 15.38.11\" data-image-description=\"\" data-image-caption=\"\" data-large-file=\"https:\/\/i0.wp.com\/itayachtscanada.com\/wp-content\/uploads\/2025\/11\/Capture-decran-le-2025-11-04-a-15.38.11.jpg?fit=700%2C455&amp;ssl=1\" \/><\/a>\n\t\t\t<\/div><\/figure><figure class='gallery-item'>\n\t\t\t<div class='gallery-icon landscape'>\n\t\t\t\t<a href='https:\/\/itayachtscanada.com\/fr\/listing\/belize-66-daybridge-2025-3945000-usd-for-sale\/capture-decran-le-2025-11-04-a-15-38-07\/'><img loading=\"lazy\" decoding=\"async\" width=\"150\" height=\"150\" src=\"https:\/\/i0.wp.com\/itayachtscanada.com\/wp-content\/uploads\/2025\/11\/Capture-decran-le-2025-11-04-a-15.38.07.jpg?resize=150%2C150&amp;ssl=1\" class=\"attachment-thumbnail size-thumbnail\" alt=\"\" srcset=\"https:\/\/i0.wp.com\/itayachtscanada.com\/wp-content\/uploads\/2025\/11\/Capture-decran-le-2025-11-04-a-15.38.07.jpg?resize=150%2C150&amp;ssl=1 150w, https:\/\/i0.wp.com\/itayachtscanada.com\/wp-content\/uploads\/2025\/11\/Capture-decran-le-2025-11-04-a-15.38.07.jpg?resize=60%2C60&amp;ssl=1 60w, https:\/\/i0.wp.com\/itayachtscanada.com\/wp-content\/uploads\/2025\/11\/Capture-decran-le-2025-11-04-a-15.38.07.jpg?resize=80%2C80&amp;ssl=1 80w, https:\/\/i0.wp.com\/itayachtscanada.com\/wp-content\/uploads\/2025\/11\/Capture-decran-le-2025-11-04-a-15.38.07.jpg?resize=100%2C100&amp;ssl=1 100w, https:\/\/i0.wp.com\/itayachtscanada.com\/wp-content\/uploads\/2025\/11\/Capture-decran-le-2025-11-04-a-15.38.07.jpg?resize=50%2C50&amp;ssl=1 50w, https:\/\/i0.wp.com\/itayachtscanada.com\/wp-content\/uploads\/2025\/11\/Capture-decran-le-2025-11-04-a-15.38.07.jpg?zoom=2&amp;resize=150%2C150&amp;ssl=1 300w, https:\/\/i0.wp.com\/itayachtscanada.com\/wp-content\/uploads\/2025\/11\/Capture-decran-le-2025-11-04-a-15.38.07.jpg?zoom=3&amp;resize=150%2C150&amp;ssl=1 450w\" sizes=\"auto, (max-width: 150px) 100vw, 150px\" data-attachment-id=\"292614\" data-permalink=\"https:\/\/itayachtscanada.com\/fr\/listing\/belize-66-daybridge-2025-3945000-usd-for-sale\/capture-decran-le-2025-11-04-a-15-38-07\/\" data-orig-file=\"https:\/\/i0.wp.com\/itayachtscanada.com\/wp-content\/uploads\/2025\/11\/Capture-decran-le-2025-11-04-a-15.38.07.jpg?fit=1260%2C820&amp;ssl=1\" data-orig-size=\"1260,820\" data-comments-opened=\"1\" data-image-meta=\"{&quot;aperture&quot;:&quot;0&quot;,&quot;credit&quot;:&quot;&quot;,&quot;camera&quot;:&quot;&quot;,&quot;caption&quot;:&quot;&quot;,&quot;created_timestamp&quot;:&quot;0&quot;,&quot;copyright&quot;:&quot;&quot;,&quot;focal_length&quot;:&quot;0&quot;,&quot;iso&quot;:&quot;0&quot;,&quot;shutter_speed&quot;:&quot;0&quot;,&quot;title&quot;:&quot;&quot;,&quot;orientation&quot;:&quot;0&quot;}\" data-image-title=\"Capture d\u2019e\u0301cran, le 2025-11-04 a\u0300 15.38.07\" data-image-description=\"\" data-image-caption=\"\" data-large-file=\"https:\/\/i0.wp.com\/itayachtscanada.com\/wp-content\/uploads\/2025\/11\/Capture-decran-le-2025-11-04-a-15.38.07.jpg?fit=700%2C455&amp;ssl=1\" \/><\/a>\n\t\t\t<\/div><\/figure><figure class='gallery-item'>\n\t\t\t<div class='gallery-icon landscape'>\n\t\t\t\t<a href='https:\/\/itayachtscanada.com\/fr\/listing\/belize-66-daybridge-2025-3945000-usd-for-sale\/capture-decran-le-2025-11-04-a-15-38-04\/'><img loading=\"lazy\" decoding=\"async\" width=\"150\" height=\"150\" src=\"https:\/\/i0.wp.com\/itayachtscanada.com\/wp-content\/uploads\/2025\/11\/Capture-decran-le-2025-11-04-a-15.38.04.jpg?resize=150%2C150&amp;ssl=1\" class=\"attachment-thumbnail size-thumbnail\" alt=\"\" srcset=\"https:\/\/i0.wp.com\/itayachtscanada.com\/wp-content\/uploads\/2025\/11\/Capture-decran-le-2025-11-04-a-15.38.04.jpg?resize=150%2C150&amp;ssl=1 150w, https:\/\/i0.wp.com\/itayachtscanada.com\/wp-content\/uploads\/2025\/11\/Capture-decran-le-2025-11-04-a-15.38.04.jpg?resize=60%2C60&amp;ssl=1 60w, https:\/\/i0.wp.com\/itayachtscanada.com\/wp-content\/uploads\/2025\/11\/Capture-decran-le-2025-11-04-a-15.38.04.jpg?resize=80%2C80&amp;ssl=1 80w, https:\/\/i0.wp.com\/itayachtscanada.com\/wp-content\/uploads\/2025\/11\/Capture-decran-le-2025-11-04-a-15.38.04.jpg?resize=100%2C100&amp;ssl=1 100w, https:\/\/i0.wp.com\/itayachtscanada.com\/wp-content\/uploads\/2025\/11\/Capture-decran-le-2025-11-04-a-15.38.04.jpg?resize=50%2C50&amp;ssl=1 50w, https:\/\/i0.wp.com\/itayachtscanada.com\/wp-content\/uploads\/2025\/11\/Capture-decran-le-2025-11-04-a-15.38.04.jpg?zoom=2&amp;resize=150%2C150&amp;ssl=1 300w, https:\/\/i0.wp.com\/itayachtscanada.com\/wp-content\/uploads\/2025\/11\/Capture-decran-le-2025-11-04-a-15.38.04.jpg?zoom=3&amp;resize=150%2C150&amp;ssl=1 450w\" sizes=\"auto, (max-width: 150px) 100vw, 150px\" data-attachment-id=\"292615\" data-permalink=\"https:\/\/itayachtscanada.com\/fr\/listing\/belize-66-daybridge-2025-3945000-usd-for-sale\/capture-decran-le-2025-11-04-a-15-38-04\/\" data-orig-file=\"https:\/\/i0.wp.com\/itayachtscanada.com\/wp-content\/uploads\/2025\/11\/Capture-decran-le-2025-11-04-a-15.38.04.jpg?fit=1260%2C820&amp;ssl=1\" data-orig-size=\"1260,820\" data-comments-opened=\"1\" data-image-meta=\"{&quot;aperture&quot;:&quot;0&quot;,&quot;credit&quot;:&quot;&quot;,&quot;camera&quot;:&quot;&quot;,&quot;caption&quot;:&quot;&quot;,&quot;created_timestamp&quot;:&quot;0&quot;,&quot;copyright&quot;:&quot;&quot;,&quot;focal_length&quot;:&quot;0&quot;,&quot;iso&quot;:&quot;0&quot;,&quot;shutter_speed&quot;:&quot;0&quot;,&quot;title&quot;:&quot;&quot;,&quot;orientation&quot;:&quot;0&quot;}\" data-image-title=\"Capture d\u2019e\u0301cran, le 2025-11-04 a\u0300 15.38.04\" data-image-description=\"\" data-image-caption=\"\" data-large-file=\"https:\/\/i0.wp.com\/itayachtscanada.com\/wp-content\/uploads\/2025\/11\/Capture-decran-le-2025-11-04-a-15.38.04.jpg?fit=700%2C455&amp;ssl=1\" \/><\/a>\n\t\t\t<\/div><\/figure><figure class='gallery-item'>\n\t\t\t<div class='gallery-icon landscape'>\n\t\t\t\t<a href='https:\/\/itayachtscanada.com\/fr\/listing\/belize-66-daybridge-2025-3945000-usd-for-sale\/capture-decran-le-2025-11-04-a-15-38-00\/'><img loading=\"lazy\" decoding=\"async\" width=\"150\" height=\"150\" src=\"https:\/\/i0.wp.com\/itayachtscanada.com\/wp-content\/uploads\/2025\/11\/Capture-decran-le-2025-11-04-a-15.38.00.jpg?resize=150%2C150&amp;ssl=1\" class=\"attachment-thumbnail size-thumbnail\" alt=\"\" srcset=\"https:\/\/i0.wp.com\/itayachtscanada.com\/wp-content\/uploads\/2025\/11\/Capture-decran-le-2025-11-04-a-15.38.00.jpg?resize=150%2C150&amp;ssl=1 150w, https:\/\/i0.wp.com\/itayachtscanada.com\/wp-content\/uploads\/2025\/11\/Capture-decran-le-2025-11-04-a-15.38.00.jpg?resize=60%2C60&amp;ssl=1 60w, https:\/\/i0.wp.com\/itayachtscanada.com\/wp-content\/uploads\/2025\/11\/Capture-decran-le-2025-11-04-a-15.38.00.jpg?resize=80%2C80&amp;ssl=1 80w, https:\/\/i0.wp.com\/itayachtscanada.com\/wp-content\/uploads\/2025\/11\/Capture-decran-le-2025-11-04-a-15.38.00.jpg?resize=100%2C100&amp;ssl=1 100w, https:\/\/i0.wp.com\/itayachtscanada.com\/wp-content\/uploads\/2025\/11\/Capture-decran-le-2025-11-04-a-15.38.00.jpg?resize=50%2C50&amp;ssl=1 50w, https:\/\/i0.wp.com\/itayachtscanada.com\/wp-content\/uploads\/2025\/11\/Capture-decran-le-2025-11-04-a-15.38.00.jpg?zoom=2&amp;resize=150%2C150&amp;ssl=1 300w, https:\/\/i0.wp.com\/itayachtscanada.com\/wp-content\/uploads\/2025\/11\/Capture-decran-le-2025-11-04-a-15.38.00.jpg?zoom=3&amp;resize=150%2C150&amp;ssl=1 450w\" sizes=\"auto, (max-width: 150px) 100vw, 150px\" data-attachment-id=\"292616\" data-permalink=\"https:\/\/itayachtscanada.com\/fr\/listing\/belize-66-daybridge-2025-3945000-usd-for-sale\/capture-decran-le-2025-11-04-a-15-38-00\/\" data-orig-file=\"https:\/\/i0.wp.com\/itayachtscanada.com\/wp-content\/uploads\/2025\/11\/Capture-decran-le-2025-11-04-a-15.38.00.jpg?fit=1260%2C820&amp;ssl=1\" data-orig-size=\"1260,820\" data-comments-opened=\"1\" data-image-meta=\"{&quot;aperture&quot;:&quot;0&quot;,&quot;credit&quot;:&quot;&quot;,&quot;camera&quot;:&quot;&quot;,&quot;caption&quot;:&quot;&quot;,&quot;created_timestamp&quot;:&quot;0&quot;,&quot;copyright&quot;:&quot;&quot;,&quot;focal_length&quot;:&quot;0&quot;,&quot;iso&quot;:&quot;0&quot;,&quot;shutter_speed&quot;:&quot;0&quot;,&quot;title&quot;:&quot;&quot;,&quot;orientation&quot;:&quot;0&quot;}\" data-image-title=\"Capture d\u2019e\u0301cran, le 2025-11-04 a\u0300 15.38.00\" data-image-description=\"\" data-image-caption=\"\" data-large-file=\"https:\/\/i0.wp.com\/itayachtscanada.com\/wp-content\/uploads\/2025\/11\/Capture-decran-le-2025-11-04-a-15.38.00.jpg?fit=700%2C455&amp;ssl=1\" \/><\/a>\n\t\t\t<\/div><\/figure><figure class='gallery-item'>\n\t\t\t<div class='gallery-icon landscape'>\n\t\t\t\t<a href='https:\/\/itayachtscanada.com\/fr\/listing\/belize-66-daybridge-2025-3945000-usd-for-sale\/capture-decran-le-2025-11-04-a-15-37-57\/'><img loading=\"lazy\" decoding=\"async\" width=\"150\" height=\"150\" src=\"https:\/\/i0.wp.com\/itayachtscanada.com\/wp-content\/uploads\/2025\/11\/Capture-decran-le-2025-11-04-a-15.37.57.jpg?resize=150%2C150&amp;ssl=1\" class=\"attachment-thumbnail size-thumbnail\" alt=\"\" srcset=\"https:\/\/i0.wp.com\/itayachtscanada.com\/wp-content\/uploads\/2025\/11\/Capture-decran-le-2025-11-04-a-15.37.57.jpg?resize=150%2C150&amp;ssl=1 150w, https:\/\/i0.wp.com\/itayachtscanada.com\/wp-content\/uploads\/2025\/11\/Capture-decran-le-2025-11-04-a-15.37.57.jpg?resize=60%2C60&amp;ssl=1 60w, https:\/\/i0.wp.com\/itayachtscanada.com\/wp-content\/uploads\/2025\/11\/Capture-decran-le-2025-11-04-a-15.37.57.jpg?resize=80%2C80&amp;ssl=1 80w, https:\/\/i0.wp.com\/itayachtscanada.com\/wp-content\/uploads\/2025\/11\/Capture-decran-le-2025-11-04-a-15.37.57.jpg?resize=100%2C100&amp;ssl=1 100w, https:\/\/i0.wp.com\/itayachtscanada.com\/wp-content\/uploads\/2025\/11\/Capture-decran-le-2025-11-04-a-15.37.57.jpg?resize=50%2C50&amp;ssl=1 50w, https:\/\/i0.wp.com\/itayachtscanada.com\/wp-content\/uploads\/2025\/11\/Capture-decran-le-2025-11-04-a-15.37.57.jpg?zoom=2&amp;resize=150%2C150&amp;ssl=1 300w, https:\/\/i0.wp.com\/itayachtscanada.com\/wp-content\/uploads\/2025\/11\/Capture-decran-le-2025-11-04-a-15.37.57.jpg?zoom=3&amp;resize=150%2C150&amp;ssl=1 450w\" sizes=\"auto, (max-width: 150px) 100vw, 150px\" data-attachment-id=\"292617\" data-permalink=\"https:\/\/itayachtscanada.com\/fr\/listing\/belize-66-daybridge-2025-3945000-usd-for-sale\/capture-decran-le-2025-11-04-a-15-37-57\/\" data-orig-file=\"https:\/\/i0.wp.com\/itayachtscanada.com\/wp-content\/uploads\/2025\/11\/Capture-decran-le-2025-11-04-a-15.37.57.jpg?fit=1260%2C820&amp;ssl=1\" data-orig-size=\"1260,820\" data-comments-opened=\"1\" data-image-meta=\"{&quot;aperture&quot;:&quot;0&quot;,&quot;credit&quot;:&quot;&quot;,&quot;camera&quot;:&quot;&quot;,&quot;caption&quot;:&quot;&quot;,&quot;created_timestamp&quot;:&quot;0&quot;,&quot;copyright&quot;:&quot;&quot;,&quot;focal_length&quot;:&quot;0&quot;,&quot;iso&quot;:&quot;0&quot;,&quot;shutter_speed&quot;:&quot;0&quot;,&quot;title&quot;:&quot;&quot;,&quot;orientation&quot;:&quot;0&quot;}\" data-image-title=\"Capture d\u2019e\u0301cran, le 2025-11-04 a\u0300 15.37.57\" data-image-description=\"\" data-image-caption=\"\" data-large-file=\"https:\/\/i0.wp.com\/itayachtscanada.com\/wp-content\/uploads\/2025\/11\/Capture-decran-le-2025-11-04-a-15.37.57.jpg?fit=700%2C455&amp;ssl=1\" \/><\/a>\n\t\t\t<\/div><\/figure><figure class='gallery-item'>\n\t\t\t<div class='gallery-icon landscape'>\n\t\t\t\t<a href='https:\/\/itayachtscanada.com\/fr\/listing\/belize-66-daybridge-2025-3945000-usd-for-sale\/capture-decran-le-2025-11-04-a-15-37-50\/'><img loading=\"lazy\" decoding=\"async\" width=\"150\" height=\"150\" src=\"https:\/\/i0.wp.com\/itayachtscanada.com\/wp-content\/uploads\/2025\/11\/Capture-decran-le-2025-11-04-a-15.37.50.jpg?resize=150%2C150&amp;ssl=1\" class=\"attachment-thumbnail size-thumbnail\" alt=\"\" srcset=\"https:\/\/i0.wp.com\/itayachtscanada.com\/wp-content\/uploads\/2025\/11\/Capture-decran-le-2025-11-04-a-15.37.50.jpg?resize=150%2C150&amp;ssl=1 150w, https:\/\/i0.wp.com\/itayachtscanada.com\/wp-content\/uploads\/2025\/11\/Capture-decran-le-2025-11-04-a-15.37.50.jpg?resize=60%2C60&amp;ssl=1 60w, https:\/\/i0.wp.com\/itayachtscanada.com\/wp-content\/uploads\/2025\/11\/Capture-decran-le-2025-11-04-a-15.37.50.jpg?resize=80%2C80&amp;ssl=1 80w, https:\/\/i0.wp.com\/itayachtscanada.com\/wp-content\/uploads\/2025\/11\/Capture-decran-le-2025-11-04-a-15.37.50.jpg?resize=100%2C100&amp;ssl=1 100w, https:\/\/i0.wp.com\/itayachtscanada.com\/wp-content\/uploads\/2025\/11\/Capture-decran-le-2025-11-04-a-15.37.50.jpg?resize=50%2C50&amp;ssl=1 50w, https:\/\/i0.wp.com\/itayachtscanada.com\/wp-content\/uploads\/2025\/11\/Capture-decran-le-2025-11-04-a-15.37.50.jpg?zoom=2&amp;resize=150%2C150&amp;ssl=1 300w, https:\/\/i0.wp.com\/itayachtscanada.com\/wp-content\/uploads\/2025\/11\/Capture-decran-le-2025-11-04-a-15.37.50.jpg?zoom=3&amp;resize=150%2C150&amp;ssl=1 450w\" sizes=\"auto, (max-width: 150px) 100vw, 150px\" data-attachment-id=\"292618\" data-permalink=\"https:\/\/itayachtscanada.com\/fr\/listing\/belize-66-daybridge-2025-3945000-usd-for-sale\/capture-decran-le-2025-11-04-a-15-37-50\/\" data-orig-file=\"https:\/\/i0.wp.com\/itayachtscanada.com\/wp-content\/uploads\/2025\/11\/Capture-decran-le-2025-11-04-a-15.37.50.jpg?fit=1260%2C820&amp;ssl=1\" data-orig-size=\"1260,820\" data-comments-opened=\"1\" data-image-meta=\"{&quot;aperture&quot;:&quot;0&quot;,&quot;credit&quot;:&quot;&quot;,&quot;camera&quot;:&quot;&quot;,&quot;caption&quot;:&quot;&quot;,&quot;created_timestamp&quot;:&quot;0&quot;,&quot;copyright&quot;:&quot;&quot;,&quot;focal_length&quot;:&quot;0&quot;,&quot;iso&quot;:&quot;0&quot;,&quot;shutter_speed&quot;:&quot;0&quot;,&quot;title&quot;:&quot;&quot;,&quot;orientation&quot;:&quot;0&quot;}\" data-image-title=\"Capture d\u2019e\u0301cran, le 2025-11-04 a\u0300 15.37.50\" data-image-description=\"\" data-image-caption=\"\" data-large-file=\"https:\/\/i0.wp.com\/itayachtscanada.com\/wp-content\/uploads\/2025\/11\/Capture-decran-le-2025-11-04-a-15.37.50.jpg?fit=700%2C455&amp;ssl=1\" \/><\/a>\n\t\t\t<\/div><\/figure><figure class='gallery-item'>\n\t\t\t<div class='gallery-icon landscape'>\n\t\t\t\t<a href='https:\/\/itayachtscanada.com\/fr\/listing\/belize-66-daybridge-2025-3945000-usd-for-sale\/capture-decran-le-2025-11-04-a-15-37-47\/'><img loading=\"lazy\" decoding=\"async\" width=\"150\" height=\"150\" src=\"https:\/\/i0.wp.com\/itayachtscanada.com\/wp-content\/uploads\/2025\/11\/Capture-decran-le-2025-11-04-a-15.37.47.jpg?resize=150%2C150&amp;ssl=1\" class=\"attachment-thumbnail size-thumbnail\" alt=\"\" srcset=\"https:\/\/i0.wp.com\/itayachtscanada.com\/wp-content\/uploads\/2025\/11\/Capture-decran-le-2025-11-04-a-15.37.47.jpg?resize=150%2C150&amp;ssl=1 150w, https:\/\/i0.wp.com\/itayachtscanada.com\/wp-content\/uploads\/2025\/11\/Capture-decran-le-2025-11-04-a-15.37.47.jpg?resize=60%2C60&amp;ssl=1 60w, https:\/\/i0.wp.com\/itayachtscanada.com\/wp-content\/uploads\/2025\/11\/Capture-decran-le-2025-11-04-a-15.37.47.jpg?resize=80%2C80&amp;ssl=1 80w, https:\/\/i0.wp.com\/itayachtscanada.com\/wp-content\/uploads\/2025\/11\/Capture-decran-le-2025-11-04-a-15.37.47.jpg?resize=100%2C100&amp;ssl=1 100w, https:\/\/i0.wp.com\/itayachtscanada.com\/wp-content\/uploads\/2025\/11\/Capture-decran-le-2025-11-04-a-15.37.47.jpg?resize=50%2C50&amp;ssl=1 50w, https:\/\/i0.wp.com\/itayachtscanada.com\/wp-content\/uploads\/2025\/11\/Capture-decran-le-2025-11-04-a-15.37.47.jpg?zoom=2&amp;resize=150%2C150&amp;ssl=1 300w, https:\/\/i0.wp.com\/itayachtscanada.com\/wp-content\/uploads\/2025\/11\/Capture-decran-le-2025-11-04-a-15.37.47.jpg?zoom=3&amp;resize=150%2C150&amp;ssl=1 450w\" sizes=\"auto, (max-width: 150px) 100vw, 150px\" data-attachment-id=\"292619\" data-permalink=\"https:\/\/itayachtscanada.com\/fr\/listing\/belize-66-daybridge-2025-3945000-usd-for-sale\/capture-decran-le-2025-11-04-a-15-37-47\/\" data-orig-file=\"https:\/\/i0.wp.com\/itayachtscanada.com\/wp-content\/uploads\/2025\/11\/Capture-decran-le-2025-11-04-a-15.37.47.jpg?fit=1260%2C820&amp;ssl=1\" data-orig-size=\"1260,820\" data-comments-opened=\"1\" data-image-meta=\"{&quot;aperture&quot;:&quot;0&quot;,&quot;credit&quot;:&quot;&quot;,&quot;camera&quot;:&quot;&quot;,&quot;caption&quot;:&quot;&quot;,&quot;created_timestamp&quot;:&quot;0&quot;,&quot;copyright&quot;:&quot;&quot;,&quot;focal_length&quot;:&quot;0&quot;,&quot;iso&quot;:&quot;0&quot;,&quot;shutter_speed&quot;:&quot;0&quot;,&quot;title&quot;:&quot;&quot;,&quot;orientation&quot;:&quot;0&quot;}\" data-image-title=\"Capture d\u2019e\u0301cran, le 2025-11-04 a\u0300 15.37.47\" data-image-description=\"\" data-image-caption=\"\" data-large-file=\"https:\/\/i0.wp.com\/itayachtscanada.com\/wp-content\/uploads\/2025\/11\/Capture-decran-le-2025-11-04-a-15.37.47.jpg?fit=700%2C455&amp;ssl=1\" \/><\/a>\n\t\t\t<\/div><\/figure><figure class='gallery-item'>\n\t\t\t<div class='gallery-icon landscape'>\n\t\t\t\t<a href='https:\/\/itayachtscanada.com\/fr\/listing\/belize-66-daybridge-2025-3945000-usd-for-sale\/capture-decran-le-2025-11-04-a-15-37-44\/'><img loading=\"lazy\" decoding=\"async\" width=\"150\" height=\"150\" src=\"https:\/\/i0.wp.com\/itayachtscanada.com\/wp-content\/uploads\/2025\/11\/Capture-decran-le-2025-11-04-a-15.37.44.jpg?resize=150%2C150&amp;ssl=1\" class=\"attachment-thumbnail size-thumbnail\" alt=\"\" srcset=\"https:\/\/i0.wp.com\/itayachtscanada.com\/wp-content\/uploads\/2025\/11\/Capture-decran-le-2025-11-04-a-15.37.44.jpg?resize=150%2C150&amp;ssl=1 150w, https:\/\/i0.wp.com\/itayachtscanada.com\/wp-content\/uploads\/2025\/11\/Capture-decran-le-2025-11-04-a-15.37.44.jpg?resize=60%2C60&amp;ssl=1 60w, https:\/\/i0.wp.com\/itayachtscanada.com\/wp-content\/uploads\/2025\/11\/Capture-decran-le-2025-11-04-a-15.37.44.jpg?resize=80%2C80&amp;ssl=1 80w, https:\/\/i0.wp.com\/itayachtscanada.com\/wp-content\/uploads\/2025\/11\/Capture-decran-le-2025-11-04-a-15.37.44.jpg?resize=100%2C100&amp;ssl=1 100w, https:\/\/i0.wp.com\/itayachtscanada.com\/wp-content\/uploads\/2025\/11\/Capture-decran-le-2025-11-04-a-15.37.44.jpg?resize=50%2C50&amp;ssl=1 50w, https:\/\/i0.wp.com\/itayachtscanada.com\/wp-content\/uploads\/2025\/11\/Capture-decran-le-2025-11-04-a-15.37.44.jpg?zoom=2&amp;resize=150%2C150&amp;ssl=1 300w, https:\/\/i0.wp.com\/itayachtscanada.com\/wp-content\/uploads\/2025\/11\/Capture-decran-le-2025-11-04-a-15.37.44.jpg?zoom=3&amp;resize=150%2C150&amp;ssl=1 450w\" sizes=\"auto, (max-width: 150px) 100vw, 150px\" data-attachment-id=\"292620\" data-permalink=\"https:\/\/itayachtscanada.com\/fr\/listing\/belize-66-daybridge-2025-3945000-usd-for-sale\/capture-decran-le-2025-11-04-a-15-37-44\/\" data-orig-file=\"https:\/\/i0.wp.com\/itayachtscanada.com\/wp-content\/uploads\/2025\/11\/Capture-decran-le-2025-11-04-a-15.37.44.jpg?fit=1260%2C820&amp;ssl=1\" data-orig-size=\"1260,820\" data-comments-opened=\"1\" data-image-meta=\"{&quot;aperture&quot;:&quot;0&quot;,&quot;credit&quot;:&quot;&quot;,&quot;camera&quot;:&quot;&quot;,&quot;caption&quot;:&quot;&quot;,&quot;created_timestamp&quot;:&quot;0&quot;,&quot;copyright&quot;:&quot;&quot;,&quot;focal_length&quot;:&quot;0&quot;,&quot;iso&quot;:&quot;0&quot;,&quot;shutter_speed&quot;:&quot;0&quot;,&quot;title&quot;:&quot;&quot;,&quot;orientation&quot;:&quot;0&quot;}\" data-image-title=\"Capture d\u2019e\u0301cran, le 2025-11-04 a\u0300 15.37.44\" data-image-description=\"\" data-image-caption=\"\" data-large-file=\"https:\/\/i0.wp.com\/itayachtscanada.com\/wp-content\/uploads\/2025\/11\/Capture-decran-le-2025-11-04-a-15.37.44.jpg?fit=700%2C455&amp;ssl=1\" \/><\/a>\n\t\t\t<\/div><\/figure><figure class='gallery-item'>\n\t\t\t<div class='gallery-icon landscape'>\n\t\t\t\t<a href='https:\/\/itayachtscanada.com\/fr\/listing\/belize-66-daybridge-2025-3945000-usd-for-sale\/capture-decran-le-2025-11-04-a-15-37-40\/'><img loading=\"lazy\" decoding=\"async\" width=\"150\" height=\"150\" src=\"https:\/\/i0.wp.com\/itayachtscanada.com\/wp-content\/uploads\/2025\/11\/Capture-decran-le-2025-11-04-a-15.37.40.jpg?resize=150%2C150&amp;ssl=1\" class=\"attachment-thumbnail size-thumbnail\" alt=\"\" srcset=\"https:\/\/i0.wp.com\/itayachtscanada.com\/wp-content\/uploads\/2025\/11\/Capture-decran-le-2025-11-04-a-15.37.40.jpg?resize=150%2C150&amp;ssl=1 150w, https:\/\/i0.wp.com\/itayachtscanada.com\/wp-content\/uploads\/2025\/11\/Capture-decran-le-2025-11-04-a-15.37.40.jpg?resize=60%2C60&amp;ssl=1 60w, https:\/\/i0.wp.com\/itayachtscanada.com\/wp-content\/uploads\/2025\/11\/Capture-decran-le-2025-11-04-a-15.37.40.jpg?resize=80%2C80&amp;ssl=1 80w, https:\/\/i0.wp.com\/itayachtscanada.com\/wp-content\/uploads\/2025\/11\/Capture-decran-le-2025-11-04-a-15.37.40.jpg?resize=100%2C100&amp;ssl=1 100w, https:\/\/i0.wp.com\/itayachtscanada.com\/wp-content\/uploads\/2025\/11\/Capture-decran-le-2025-11-04-a-15.37.40.jpg?resize=50%2C50&amp;ssl=1 50w, https:\/\/i0.wp.com\/itayachtscanada.com\/wp-content\/uploads\/2025\/11\/Capture-decran-le-2025-11-04-a-15.37.40.jpg?zoom=2&amp;resize=150%2C150&amp;ssl=1 300w, https:\/\/i0.wp.com\/itayachtscanada.com\/wp-content\/uploads\/2025\/11\/Capture-decran-le-2025-11-04-a-15.37.40.jpg?zoom=3&amp;resize=150%2C150&amp;ssl=1 450w\" sizes=\"auto, (max-width: 150px) 100vw, 150px\" data-attachment-id=\"292621\" data-permalink=\"https:\/\/itayachtscanada.com\/fr\/listing\/belize-66-daybridge-2025-3945000-usd-for-sale\/capture-decran-le-2025-11-04-a-15-37-40\/\" data-orig-file=\"https:\/\/i0.wp.com\/itayachtscanada.com\/wp-content\/uploads\/2025\/11\/Capture-decran-le-2025-11-04-a-15.37.40.jpg?fit=1260%2C820&amp;ssl=1\" data-orig-size=\"1260,820\" data-comments-opened=\"1\" data-image-meta=\"{&quot;aperture&quot;:&quot;0&quot;,&quot;credit&quot;:&quot;&quot;,&quot;camera&quot;:&quot;&quot;,&quot;caption&quot;:&quot;&quot;,&quot;created_timestamp&quot;:&quot;0&quot;,&quot;copyright&quot;:&quot;&quot;,&quot;focal_length&quot;:&quot;0&quot;,&quot;iso&quot;:&quot;0&quot;,&quot;shutter_speed&quot;:&quot;0&quot;,&quot;title&quot;:&quot;&quot;,&quot;orientation&quot;:&quot;0&quot;}\" data-image-title=\"Capture d\u2019e\u0301cran, le 2025-11-04 a\u0300 15.37.40\" data-image-description=\"\" data-image-caption=\"\" data-large-file=\"https:\/\/i0.wp.com\/itayachtscanada.com\/wp-content\/uploads\/2025\/11\/Capture-decran-le-2025-11-04-a-15.37.40.jpg?fit=700%2C455&amp;ssl=1\" \/><\/a>\n\t\t\t<\/div><\/figure><figure class='gallery-item'>\n\t\t\t<div class='gallery-icon landscape'>\n\t\t\t\t<a href='https:\/\/itayachtscanada.com\/fr\/listing\/belize-66-daybridge-2025-3945000-usd-for-sale\/capture-decran-le-2025-11-04-a-15-37-37\/'><img loading=\"lazy\" decoding=\"async\" width=\"150\" height=\"150\" src=\"https:\/\/i0.wp.com\/itayachtscanada.com\/wp-content\/uploads\/2025\/11\/Capture-decran-le-2025-11-04-a-15.37.37.jpg?resize=150%2C150&amp;ssl=1\" class=\"attachment-thumbnail size-thumbnail\" alt=\"\" srcset=\"https:\/\/i0.wp.com\/itayachtscanada.com\/wp-content\/uploads\/2025\/11\/Capture-decran-le-2025-11-04-a-15.37.37.jpg?resize=150%2C150&amp;ssl=1 150w, https:\/\/i0.wp.com\/itayachtscanada.com\/wp-content\/uploads\/2025\/11\/Capture-decran-le-2025-11-04-a-15.37.37.jpg?resize=60%2C60&amp;ssl=1 60w, https:\/\/i0.wp.com\/itayachtscanada.com\/wp-content\/uploads\/2025\/11\/Capture-decran-le-2025-11-04-a-15.37.37.jpg?resize=80%2C80&amp;ssl=1 80w, https:\/\/i0.wp.com\/itayachtscanada.com\/wp-content\/uploads\/2025\/11\/Capture-decran-le-2025-11-04-a-15.37.37.jpg?resize=100%2C100&amp;ssl=1 100w, https:\/\/i0.wp.com\/itayachtscanada.com\/wp-content\/uploads\/2025\/11\/Capture-decran-le-2025-11-04-a-15.37.37.jpg?resize=50%2C50&amp;ssl=1 50w, https:\/\/i0.wp.com\/itayachtscanada.com\/wp-content\/uploads\/2025\/11\/Capture-decran-le-2025-11-04-a-15.37.37.jpg?zoom=2&amp;resize=150%2C150&amp;ssl=1 300w, https:\/\/i0.wp.com\/itayachtscanada.com\/wp-content\/uploads\/2025\/11\/Capture-decran-le-2025-11-04-a-15.37.37.jpg?zoom=3&amp;resize=150%2C150&amp;ssl=1 450w\" sizes=\"auto, (max-width: 150px) 100vw, 150px\" data-attachment-id=\"292622\" data-permalink=\"https:\/\/itayachtscanada.com\/fr\/listing\/belize-66-daybridge-2025-3945000-usd-for-sale\/capture-decran-le-2025-11-04-a-15-37-37\/\" data-orig-file=\"https:\/\/i0.wp.com\/itayachtscanada.com\/wp-content\/uploads\/2025\/11\/Capture-decran-le-2025-11-04-a-15.37.37.jpg?fit=1260%2C820&amp;ssl=1\" data-orig-size=\"1260,820\" data-comments-opened=\"1\" data-image-meta=\"{&quot;aperture&quot;:&quot;0&quot;,&quot;credit&quot;:&quot;&quot;,&quot;camera&quot;:&quot;&quot;,&quot;caption&quot;:&quot;&quot;,&quot;created_timestamp&quot;:&quot;0&quot;,&quot;copyright&quot;:&quot;&quot;,&quot;focal_length&quot;:&quot;0&quot;,&quot;iso&quot;:&quot;0&quot;,&quot;shutter_speed&quot;:&quot;0&quot;,&quot;title&quot;:&quot;&quot;,&quot;orientation&quot;:&quot;0&quot;}\" data-image-title=\"Capture d\u2019e\u0301cran, le 2025-11-04 a\u0300 15.37.37\" data-image-description=\"\" data-image-caption=\"\" data-large-file=\"https:\/\/i0.wp.com\/itayachtscanada.com\/wp-content\/uploads\/2025\/11\/Capture-decran-le-2025-11-04-a-15.37.37.jpg?fit=700%2C455&amp;ssl=1\" \/><\/a>\n\t\t\t<\/div><\/figure><figure class='gallery-item'>\n\t\t\t<div class='gallery-icon landscape'>\n\t\t\t\t<a href='https:\/\/itayachtscanada.com\/fr\/listing\/belize-66-daybridge-2025-3945000-usd-for-sale\/capture-decran-le-2025-11-04-a-15-37-33\/'><img loading=\"lazy\" decoding=\"async\" width=\"150\" height=\"150\" src=\"https:\/\/i0.wp.com\/itayachtscanada.com\/wp-content\/uploads\/2025\/11\/Capture-decran-le-2025-11-04-a-15.37.33.jpg?resize=150%2C150&amp;ssl=1\" class=\"attachment-thumbnail size-thumbnail\" alt=\"\" srcset=\"https:\/\/i0.wp.com\/itayachtscanada.com\/wp-content\/uploads\/2025\/11\/Capture-decran-le-2025-11-04-a-15.37.33.jpg?resize=150%2C150&amp;ssl=1 150w, https:\/\/i0.wp.com\/itayachtscanada.com\/wp-content\/uploads\/2025\/11\/Capture-decran-le-2025-11-04-a-15.37.33.jpg?resize=60%2C60&amp;ssl=1 60w, https:\/\/i0.wp.com\/itayachtscanada.com\/wp-content\/uploads\/2025\/11\/Capture-decran-le-2025-11-04-a-15.37.33.jpg?resize=80%2C80&amp;ssl=1 80w, https:\/\/i0.wp.com\/itayachtscanada.com\/wp-content\/uploads\/2025\/11\/Capture-decran-le-2025-11-04-a-15.37.33.jpg?resize=100%2C100&amp;ssl=1 100w, https:\/\/i0.wp.com\/itayachtscanada.com\/wp-content\/uploads\/2025\/11\/Capture-decran-le-2025-11-04-a-15.37.33.jpg?resize=50%2C50&amp;ssl=1 50w, https:\/\/i0.wp.com\/itayachtscanada.com\/wp-content\/uploads\/2025\/11\/Capture-decran-le-2025-11-04-a-15.37.33.jpg?zoom=2&amp;resize=150%2C150&amp;ssl=1 300w, https:\/\/i0.wp.com\/itayachtscanada.com\/wp-content\/uploads\/2025\/11\/Capture-decran-le-2025-11-04-a-15.37.33.jpg?zoom=3&amp;resize=150%2C150&amp;ssl=1 450w\" sizes=\"auto, (max-width: 150px) 100vw, 150px\" data-attachment-id=\"292623\" data-permalink=\"https:\/\/itayachtscanada.com\/fr\/listing\/belize-66-daybridge-2025-3945000-usd-for-sale\/capture-decran-le-2025-11-04-a-15-37-33\/\" data-orig-file=\"https:\/\/i0.wp.com\/itayachtscanada.com\/wp-content\/uploads\/2025\/11\/Capture-decran-le-2025-11-04-a-15.37.33.jpg?fit=1260%2C820&amp;ssl=1\" data-orig-size=\"1260,820\" data-comments-opened=\"1\" data-image-meta=\"{&quot;aperture&quot;:&quot;0&quot;,&quot;credit&quot;:&quot;&quot;,&quot;camera&quot;:&quot;&quot;,&quot;caption&quot;:&quot;&quot;,&quot;created_timestamp&quot;:&quot;0&quot;,&quot;copyright&quot;:&quot;&quot;,&quot;focal_length&quot;:&quot;0&quot;,&quot;iso&quot;:&quot;0&quot;,&quot;shutter_speed&quot;:&quot;0&quot;,&quot;title&quot;:&quot;&quot;,&quot;orientation&quot;:&quot;0&quot;}\" data-image-title=\"Capture d\u2019e\u0301cran, le 2025-11-04 a\u0300 15.37.33\" data-image-description=\"\" data-image-caption=\"\" data-large-file=\"https:\/\/i0.wp.com\/itayachtscanada.com\/wp-content\/uploads\/2025\/11\/Capture-decran-le-2025-11-04-a-15.37.33.jpg?fit=700%2C455&amp;ssl=1\" \/><\/a>\n\t\t\t<\/div><\/figure><figure class='gallery-item'>\n\t\t\t<div class='gallery-icon landscape'>\n\t\t\t\t<a href='https:\/\/itayachtscanada.com\/fr\/listing\/belize-66-daybridge-2025-3945000-usd-for-sale\/capture-decran-le-2025-11-04-a-15-37-29\/'><img loading=\"lazy\" decoding=\"async\" width=\"150\" height=\"150\" src=\"https:\/\/i0.wp.com\/itayachtscanada.com\/wp-content\/uploads\/2025\/11\/Capture-decran-le-2025-11-04-a-15.37.29.jpg?resize=150%2C150&amp;ssl=1\" class=\"attachment-thumbnail size-thumbnail\" alt=\"\" srcset=\"https:\/\/i0.wp.com\/itayachtscanada.com\/wp-content\/uploads\/2025\/11\/Capture-decran-le-2025-11-04-a-15.37.29.jpg?resize=150%2C150&amp;ssl=1 150w, https:\/\/i0.wp.com\/itayachtscanada.com\/wp-content\/uploads\/2025\/11\/Capture-decran-le-2025-11-04-a-15.37.29.jpg?resize=60%2C60&amp;ssl=1 60w, https:\/\/i0.wp.com\/itayachtscanada.com\/wp-content\/uploads\/2025\/11\/Capture-decran-le-2025-11-04-a-15.37.29.jpg?resize=80%2C80&amp;ssl=1 80w, https:\/\/i0.wp.com\/itayachtscanada.com\/wp-content\/uploads\/2025\/11\/Capture-decran-le-2025-11-04-a-15.37.29.jpg?resize=100%2C100&amp;ssl=1 100w, https:\/\/i0.wp.com\/itayachtscanada.com\/wp-content\/uploads\/2025\/11\/Capture-decran-le-2025-11-04-a-15.37.29.jpg?resize=50%2C50&amp;ssl=1 50w, https:\/\/i0.wp.com\/itayachtscanada.com\/wp-content\/uploads\/2025\/11\/Capture-decran-le-2025-11-04-a-15.37.29.jpg?zoom=2&amp;resize=150%2C150&amp;ssl=1 300w, https:\/\/i0.wp.com\/itayachtscanada.com\/wp-content\/uploads\/2025\/11\/Capture-decran-le-2025-11-04-a-15.37.29.jpg?zoom=3&amp;resize=150%2C150&amp;ssl=1 450w\" sizes=\"auto, (max-width: 150px) 100vw, 150px\" data-attachment-id=\"292624\" data-permalink=\"https:\/\/itayachtscanada.com\/fr\/listing\/belize-66-daybridge-2025-3945000-usd-for-sale\/capture-decran-le-2025-11-04-a-15-37-29\/\" data-orig-file=\"https:\/\/i0.wp.com\/itayachtscanada.com\/wp-content\/uploads\/2025\/11\/Capture-decran-le-2025-11-04-a-15.37.29.jpg?fit=1260%2C820&amp;ssl=1\" data-orig-size=\"1260,820\" data-comments-opened=\"1\" data-image-meta=\"{&quot;aperture&quot;:&quot;0&quot;,&quot;credit&quot;:&quot;&quot;,&quot;camera&quot;:&quot;&quot;,&quot;caption&quot;:&quot;&quot;,&quot;created_timestamp&quot;:&quot;0&quot;,&quot;copyright&quot;:&quot;&quot;,&quot;focal_length&quot;:&quot;0&quot;,&quot;iso&quot;:&quot;0&quot;,&quot;shutter_speed&quot;:&quot;0&quot;,&quot;title&quot;:&quot;&quot;,&quot;orientation&quot;:&quot;0&quot;}\" data-image-title=\"Capture d\u2019e\u0301cran, le 2025-11-04 a\u0300 15.37.29\" data-image-description=\"\" data-image-caption=\"\" data-large-file=\"https:\/\/i0.wp.com\/itayachtscanada.com\/wp-content\/uploads\/2025\/11\/Capture-decran-le-2025-11-04-a-15.37.29.jpg?fit=700%2C455&amp;ssl=1\" \/><\/a>\n\t\t\t<\/div><\/figure><figure class='gallery-item'>\n\t\t\t<div class='gallery-icon landscape'>\n\t\t\t\t<a href='https:\/\/itayachtscanada.com\/fr\/listing\/belize-66-daybridge-2025-3945000-usd-for-sale\/capture-decran-le-2025-11-04-a-15-37-26\/'><img loading=\"lazy\" decoding=\"async\" width=\"150\" height=\"150\" src=\"https:\/\/i0.wp.com\/itayachtscanada.com\/wp-content\/uploads\/2025\/11\/Capture-decran-le-2025-11-04-a-15.37.26.jpg?resize=150%2C150&amp;ssl=1\" class=\"attachment-thumbnail size-thumbnail\" alt=\"\" srcset=\"https:\/\/i0.wp.com\/itayachtscanada.com\/wp-content\/uploads\/2025\/11\/Capture-decran-le-2025-11-04-a-15.37.26.jpg?resize=150%2C150&amp;ssl=1 150w, https:\/\/i0.wp.com\/itayachtscanada.com\/wp-content\/uploads\/2025\/11\/Capture-decran-le-2025-11-04-a-15.37.26.jpg?resize=60%2C60&amp;ssl=1 60w, https:\/\/i0.wp.com\/itayachtscanada.com\/wp-content\/uploads\/2025\/11\/Capture-decran-le-2025-11-04-a-15.37.26.jpg?resize=80%2C80&amp;ssl=1 80w, https:\/\/i0.wp.com\/itayachtscanada.com\/wp-content\/uploads\/2025\/11\/Capture-decran-le-2025-11-04-a-15.37.26.jpg?resize=100%2C100&amp;ssl=1 100w, https:\/\/i0.wp.com\/itayachtscanada.com\/wp-content\/uploads\/2025\/11\/Capture-decran-le-2025-11-04-a-15.37.26.jpg?resize=50%2C50&amp;ssl=1 50w, https:\/\/i0.wp.com\/itayachtscanada.com\/wp-content\/uploads\/2025\/11\/Capture-decran-le-2025-11-04-a-15.37.26.jpg?zoom=2&amp;resize=150%2C150&amp;ssl=1 300w, https:\/\/i0.wp.com\/itayachtscanada.com\/wp-content\/uploads\/2025\/11\/Capture-decran-le-2025-11-04-a-15.37.26.jpg?zoom=3&amp;resize=150%2C150&amp;ssl=1 450w\" sizes=\"auto, (max-width: 150px) 100vw, 150px\" data-attachment-id=\"292625\" data-permalink=\"https:\/\/itayachtscanada.com\/fr\/listing\/belize-66-daybridge-2025-3945000-usd-for-sale\/capture-decran-le-2025-11-04-a-15-37-26\/\" data-orig-file=\"https:\/\/i0.wp.com\/itayachtscanada.com\/wp-content\/uploads\/2025\/11\/Capture-decran-le-2025-11-04-a-15.37.26.jpg?fit=1260%2C820&amp;ssl=1\" data-orig-size=\"1260,820\" data-comments-opened=\"1\" data-image-meta=\"{&quot;aperture&quot;:&quot;0&quot;,&quot;credit&quot;:&quot;&quot;,&quot;camera&quot;:&quot;&quot;,&quot;caption&quot;:&quot;&quot;,&quot;created_timestamp&quot;:&quot;0&quot;,&quot;copyright&quot;:&quot;&quot;,&quot;focal_length&quot;:&quot;0&quot;,&quot;iso&quot;:&quot;0&quot;,&quot;shutter_speed&quot;:&quot;0&quot;,&quot;title&quot;:&quot;&quot;,&quot;orientation&quot;:&quot;0&quot;}\" data-image-title=\"Capture d\u2019e\u0301cran, le 2025-11-04 a\u0300 15.37.26\" data-image-description=\"\" data-image-caption=\"\" data-large-file=\"https:\/\/i0.wp.com\/itayachtscanada.com\/wp-content\/uploads\/2025\/11\/Capture-decran-le-2025-11-04-a-15.37.26.jpg?fit=700%2C455&amp;ssl=1\" \/><\/a>\n\t\t\t<\/div><\/figure><figure class='gallery-item'>\n\t\t\t<div class='gallery-icon landscape'>\n\t\t\t\t<a href='https:\/\/itayachtscanada.com\/fr\/listing\/belize-66-daybridge-2025-3945000-usd-for-sale\/capture-decran-le-2025-11-04-a-15-37-23\/'><img loading=\"lazy\" decoding=\"async\" width=\"150\" height=\"150\" src=\"https:\/\/i0.wp.com\/itayachtscanada.com\/wp-content\/uploads\/2025\/11\/Capture-decran-le-2025-11-04-a-15.37.23.jpg?resize=150%2C150&amp;ssl=1\" class=\"attachment-thumbnail size-thumbnail\" alt=\"\" srcset=\"https:\/\/i0.wp.com\/itayachtscanada.com\/wp-content\/uploads\/2025\/11\/Capture-decran-le-2025-11-04-a-15.37.23.jpg?resize=150%2C150&amp;ssl=1 150w, https:\/\/i0.wp.com\/itayachtscanada.com\/wp-content\/uploads\/2025\/11\/Capture-decran-le-2025-11-04-a-15.37.23.jpg?resize=60%2C60&amp;ssl=1 60w, https:\/\/i0.wp.com\/itayachtscanada.com\/wp-content\/uploads\/2025\/11\/Capture-decran-le-2025-11-04-a-15.37.23.jpg?resize=80%2C80&amp;ssl=1 80w, https:\/\/i0.wp.com\/itayachtscanada.com\/wp-content\/uploads\/2025\/11\/Capture-decran-le-2025-11-04-a-15.37.23.jpg?resize=100%2C100&amp;ssl=1 100w, https:\/\/i0.wp.com\/itayachtscanada.com\/wp-content\/uploads\/2025\/11\/Capture-decran-le-2025-11-04-a-15.37.23.jpg?resize=50%2C50&amp;ssl=1 50w, https:\/\/i0.wp.com\/itayachtscanada.com\/wp-content\/uploads\/2025\/11\/Capture-decran-le-2025-11-04-a-15.37.23.jpg?zoom=2&amp;resize=150%2C150&amp;ssl=1 300w, https:\/\/i0.wp.com\/itayachtscanada.com\/wp-content\/uploads\/2025\/11\/Capture-decran-le-2025-11-04-a-15.37.23.jpg?zoom=3&amp;resize=150%2C150&amp;ssl=1 450w\" sizes=\"auto, (max-width: 150px) 100vw, 150px\" data-attachment-id=\"292626\" data-permalink=\"https:\/\/itayachtscanada.com\/fr\/listing\/belize-66-daybridge-2025-3945000-usd-for-sale\/capture-decran-le-2025-11-04-a-15-37-23\/\" data-orig-file=\"https:\/\/i0.wp.com\/itayachtscanada.com\/wp-content\/uploads\/2025\/11\/Capture-decran-le-2025-11-04-a-15.37.23.jpg?fit=1260%2C820&amp;ssl=1\" data-orig-size=\"1260,820\" data-comments-opened=\"1\" data-image-meta=\"{&quot;aperture&quot;:&quot;0&quot;,&quot;credit&quot;:&quot;&quot;,&quot;camera&quot;:&quot;&quot;,&quot;caption&quot;:&quot;&quot;,&quot;created_timestamp&quot;:&quot;0&quot;,&quot;copyright&quot;:&quot;&quot;,&quot;focal_length&quot;:&quot;0&quot;,&quot;iso&quot;:&quot;0&quot;,&quot;shutter_speed&quot;:&quot;0&quot;,&quot;title&quot;:&quot;&quot;,&quot;orientation&quot;:&quot;0&quot;}\" data-image-title=\"Capture d\u2019e\u0301cran, le 2025-11-04 a\u0300 15.37.23\" data-image-description=\"\" data-image-caption=\"\" data-large-file=\"https:\/\/i0.wp.com\/itayachtscanada.com\/wp-content\/uploads\/2025\/11\/Capture-decran-le-2025-11-04-a-15.37.23.jpg?fit=700%2C455&amp;ssl=1\" \/><\/a>\n\t\t\t<\/div><\/figure><figure class='gallery-item'>\n\t\t\t<div class='gallery-icon landscape'>\n\t\t\t\t<a href='https:\/\/itayachtscanada.com\/fr\/listing\/belize-66-daybridge-2025-3945000-usd-for-sale\/capture-decran-le-2025-11-04-a-15-37-19\/'><img loading=\"lazy\" decoding=\"async\" width=\"150\" height=\"150\" src=\"https:\/\/i0.wp.com\/itayachtscanada.com\/wp-content\/uploads\/2025\/11\/Capture-decran-le-2025-11-04-a-15.37.19.jpg?resize=150%2C150&amp;ssl=1\" class=\"attachment-thumbnail size-thumbnail\" alt=\"\" srcset=\"https:\/\/i0.wp.com\/itayachtscanada.com\/wp-content\/uploads\/2025\/11\/Capture-decran-le-2025-11-04-a-15.37.19.jpg?resize=150%2C150&amp;ssl=1 150w, https:\/\/i0.wp.com\/itayachtscanada.com\/wp-content\/uploads\/2025\/11\/Capture-decran-le-2025-11-04-a-15.37.19.jpg?resize=60%2C60&amp;ssl=1 60w, https:\/\/i0.wp.com\/itayachtscanada.com\/wp-content\/uploads\/2025\/11\/Capture-decran-le-2025-11-04-a-15.37.19.jpg?resize=80%2C80&amp;ssl=1 80w, https:\/\/i0.wp.com\/itayachtscanada.com\/wp-content\/uploads\/2025\/11\/Capture-decran-le-2025-11-04-a-15.37.19.jpg?resize=100%2C100&amp;ssl=1 100w, https:\/\/i0.wp.com\/itayachtscanada.com\/wp-content\/uploads\/2025\/11\/Capture-decran-le-2025-11-04-a-15.37.19.jpg?resize=50%2C50&amp;ssl=1 50w, https:\/\/i0.wp.com\/itayachtscanada.com\/wp-content\/uploads\/2025\/11\/Capture-decran-le-2025-11-04-a-15.37.19.jpg?zoom=2&amp;resize=150%2C150&amp;ssl=1 300w, https:\/\/i0.wp.com\/itayachtscanada.com\/wp-content\/uploads\/2025\/11\/Capture-decran-le-2025-11-04-a-15.37.19.jpg?zoom=3&amp;resize=150%2C150&amp;ssl=1 450w\" sizes=\"auto, (max-width: 150px) 100vw, 150px\" data-attachment-id=\"292627\" data-permalink=\"https:\/\/itayachtscanada.com\/fr\/listing\/belize-66-daybridge-2025-3945000-usd-for-sale\/capture-decran-le-2025-11-04-a-15-37-19\/\" data-orig-file=\"https:\/\/i0.wp.com\/itayachtscanada.com\/wp-content\/uploads\/2025\/11\/Capture-decran-le-2025-11-04-a-15.37.19.jpg?fit=1260%2C820&amp;ssl=1\" data-orig-size=\"1260,820\" data-comments-opened=\"1\" data-image-meta=\"{&quot;aperture&quot;:&quot;0&quot;,&quot;credit&quot;:&quot;&quot;,&quot;camera&quot;:&quot;&quot;,&quot;caption&quot;:&quot;&quot;,&quot;created_timestamp&quot;:&quot;0&quot;,&quot;copyright&quot;:&quot;&quot;,&quot;focal_length&quot;:&quot;0&quot;,&quot;iso&quot;:&quot;0&quot;,&quot;shutter_speed&quot;:&quot;0&quot;,&quot;title&quot;:&quot;&quot;,&quot;orientation&quot;:&quot;0&quot;}\" data-image-title=\"Capture d\u2019e\u0301cran, le 2025-11-04 a\u0300 15.37.19\" data-image-description=\"\" data-image-caption=\"\" data-large-file=\"https:\/\/i0.wp.com\/itayachtscanada.com\/wp-content\/uploads\/2025\/11\/Capture-decran-le-2025-11-04-a-15.37.19.jpg?fit=700%2C455&amp;ssl=1\" \/><\/a>\n\t\t\t<\/div><\/figure><figure class='gallery-item'>\n\t\t\t<div class='gallery-icon landscape'>\n\t\t\t\t<a href='https:\/\/itayachtscanada.com\/fr\/listing\/belize-66-daybridge-2025-3945000-usd-for-sale\/capture-decran-le-2025-11-04-a-15-37-16\/'><img loading=\"lazy\" decoding=\"async\" width=\"150\" height=\"150\" src=\"https:\/\/i0.wp.com\/itayachtscanada.com\/wp-content\/uploads\/2025\/11\/Capture-decran-le-2025-11-04-a-15.37.16.jpg?resize=150%2C150&amp;ssl=1\" class=\"attachment-thumbnail size-thumbnail\" alt=\"\" srcset=\"https:\/\/i0.wp.com\/itayachtscanada.com\/wp-content\/uploads\/2025\/11\/Capture-decran-le-2025-11-04-a-15.37.16.jpg?resize=150%2C150&amp;ssl=1 150w, https:\/\/i0.wp.com\/itayachtscanada.com\/wp-content\/uploads\/2025\/11\/Capture-decran-le-2025-11-04-a-15.37.16.jpg?resize=60%2C60&amp;ssl=1 60w, https:\/\/i0.wp.com\/itayachtscanada.com\/wp-content\/uploads\/2025\/11\/Capture-decran-le-2025-11-04-a-15.37.16.jpg?resize=80%2C80&amp;ssl=1 80w, https:\/\/i0.wp.com\/itayachtscanada.com\/wp-content\/uploads\/2025\/11\/Capture-decran-le-2025-11-04-a-15.37.16.jpg?resize=100%2C100&amp;ssl=1 100w, https:\/\/i0.wp.com\/itayachtscanada.com\/wp-content\/uploads\/2025\/11\/Capture-decran-le-2025-11-04-a-15.37.16.jpg?resize=50%2C50&amp;ssl=1 50w, https:\/\/i0.wp.com\/itayachtscanada.com\/wp-content\/uploads\/2025\/11\/Capture-decran-le-2025-11-04-a-15.37.16.jpg?zoom=2&amp;resize=150%2C150&amp;ssl=1 300w, https:\/\/i0.wp.com\/itayachtscanada.com\/wp-content\/uploads\/2025\/11\/Capture-decran-le-2025-11-04-a-15.37.16.jpg?zoom=3&amp;resize=150%2C150&amp;ssl=1 450w\" sizes=\"auto, (max-width: 150px) 100vw, 150px\" data-attachment-id=\"292628\" data-permalink=\"https:\/\/itayachtscanada.com\/fr\/listing\/belize-66-daybridge-2025-3945000-usd-for-sale\/capture-decran-le-2025-11-04-a-15-37-16\/\" data-orig-file=\"https:\/\/i0.wp.com\/itayachtscanada.com\/wp-content\/uploads\/2025\/11\/Capture-decran-le-2025-11-04-a-15.37.16.jpg?fit=1260%2C820&amp;ssl=1\" data-orig-size=\"1260,820\" data-comments-opened=\"1\" data-image-meta=\"{&quot;aperture&quot;:&quot;0&quot;,&quot;credit&quot;:&quot;&quot;,&quot;camera&quot;:&quot;&quot;,&quot;caption&quot;:&quot;&quot;,&quot;created_timestamp&quot;:&quot;0&quot;,&quot;copyright&quot;:&quot;&quot;,&quot;focal_length&quot;:&quot;0&quot;,&quot;iso&quot;:&quot;0&quot;,&quot;shutter_speed&quot;:&quot;0&quot;,&quot;title&quot;:&quot;&quot;,&quot;orientation&quot;:&quot;0&quot;}\" data-image-title=\"Capture d\u2019e\u0301cran, le 2025-11-04 a\u0300 15.37.16\" data-image-description=\"\" data-image-caption=\"\" data-large-file=\"https:\/\/i0.wp.com\/itayachtscanada.com\/wp-content\/uploads\/2025\/11\/Capture-decran-le-2025-11-04-a-15.37.16.jpg?fit=700%2C455&amp;ssl=1\" \/><\/a>\n\t\t\t<\/div><\/figure><figure class='gallery-item'>\n\t\t\t<div class='gallery-icon landscape'>\n\t\t\t\t<a href='https:\/\/itayachtscanada.com\/fr\/listing\/belize-66-daybridge-2025-3945000-usd-for-sale\/capture-decran-le-2025-11-04-a-15-37-12\/'><img loading=\"lazy\" decoding=\"async\" width=\"150\" height=\"150\" src=\"https:\/\/i0.wp.com\/itayachtscanada.com\/wp-content\/uploads\/2025\/11\/Capture-decran-le-2025-11-04-a-15.37.12.jpg?resize=150%2C150&amp;ssl=1\" class=\"attachment-thumbnail size-thumbnail\" alt=\"\" srcset=\"https:\/\/i0.wp.com\/itayachtscanada.com\/wp-content\/uploads\/2025\/11\/Capture-decran-le-2025-11-04-a-15.37.12.jpg?resize=150%2C150&amp;ssl=1 150w, https:\/\/i0.wp.com\/itayachtscanada.com\/wp-content\/uploads\/2025\/11\/Capture-decran-le-2025-11-04-a-15.37.12.jpg?resize=60%2C60&amp;ssl=1 60w, https:\/\/i0.wp.com\/itayachtscanada.com\/wp-content\/uploads\/2025\/11\/Capture-decran-le-2025-11-04-a-15.37.12.jpg?resize=80%2C80&amp;ssl=1 80w, https:\/\/i0.wp.com\/itayachtscanada.com\/wp-content\/uploads\/2025\/11\/Capture-decran-le-2025-11-04-a-15.37.12.jpg?resize=100%2C100&amp;ssl=1 100w, https:\/\/i0.wp.com\/itayachtscanada.com\/wp-content\/uploads\/2025\/11\/Capture-decran-le-2025-11-04-a-15.37.12.jpg?resize=50%2C50&amp;ssl=1 50w, https:\/\/i0.wp.com\/itayachtscanada.com\/wp-content\/uploads\/2025\/11\/Capture-decran-le-2025-11-04-a-15.37.12.jpg?zoom=2&amp;resize=150%2C150&amp;ssl=1 300w, https:\/\/i0.wp.com\/itayachtscanada.com\/wp-content\/uploads\/2025\/11\/Capture-decran-le-2025-11-04-a-15.37.12.jpg?zoom=3&amp;resize=150%2C150&amp;ssl=1 450w\" sizes=\"auto, (max-width: 150px) 100vw, 150px\" data-attachment-id=\"292629\" data-permalink=\"https:\/\/itayachtscanada.com\/fr\/listing\/belize-66-daybridge-2025-3945000-usd-for-sale\/capture-decran-le-2025-11-04-a-15-37-12\/\" data-orig-file=\"https:\/\/i0.wp.com\/itayachtscanada.com\/wp-content\/uploads\/2025\/11\/Capture-decran-le-2025-11-04-a-15.37.12.jpg?fit=1260%2C820&amp;ssl=1\" data-orig-size=\"1260,820\" data-comments-opened=\"1\" data-image-meta=\"{&quot;aperture&quot;:&quot;0&quot;,&quot;credit&quot;:&quot;&quot;,&quot;camera&quot;:&quot;&quot;,&quot;caption&quot;:&quot;&quot;,&quot;created_timestamp&quot;:&quot;0&quot;,&quot;copyright&quot;:&quot;&quot;,&quot;focal_length&quot;:&quot;0&quot;,&quot;iso&quot;:&quot;0&quot;,&quot;shutter_speed&quot;:&quot;0&quot;,&quot;title&quot;:&quot;&quot;,&quot;orientation&quot;:&quot;0&quot;}\" data-image-title=\"Capture d\u2019e\u0301cran, le 2025-11-04 a\u0300 15.37.12\" data-image-description=\"\" data-image-caption=\"\" data-large-file=\"https:\/\/i0.wp.com\/itayachtscanada.com\/wp-content\/uploads\/2025\/11\/Capture-decran-le-2025-11-04-a-15.37.12.jpg?fit=700%2C455&amp;ssl=1\" \/><\/a>\n\t\t\t<\/div><\/figure><figure class='gallery-item'>\n\t\t\t<div class='gallery-icon landscape'>\n\t\t\t\t<a href='https:\/\/itayachtscanada.com\/fr\/listing\/belize-66-daybridge-2025-3945000-usd-for-sale\/capture-decran-le-2025-11-04-a-15-37-07\/'><img loading=\"lazy\" decoding=\"async\" width=\"150\" height=\"150\" src=\"https:\/\/i0.wp.com\/itayachtscanada.com\/wp-content\/uploads\/2025\/11\/Capture-decran-le-2025-11-04-a-15.37.07.jpg?resize=150%2C150&amp;ssl=1\" class=\"attachment-thumbnail size-thumbnail\" alt=\"\" srcset=\"https:\/\/i0.wp.com\/itayachtscanada.com\/wp-content\/uploads\/2025\/11\/Capture-decran-le-2025-11-04-a-15.37.07.jpg?resize=150%2C150&amp;ssl=1 150w, https:\/\/i0.wp.com\/itayachtscanada.com\/wp-content\/uploads\/2025\/11\/Capture-decran-le-2025-11-04-a-15.37.07.jpg?resize=60%2C60&amp;ssl=1 60w, https:\/\/i0.wp.com\/itayachtscanada.com\/wp-content\/uploads\/2025\/11\/Capture-decran-le-2025-11-04-a-15.37.07.jpg?resize=80%2C80&amp;ssl=1 80w, https:\/\/i0.wp.com\/itayachtscanada.com\/wp-content\/uploads\/2025\/11\/Capture-decran-le-2025-11-04-a-15.37.07.jpg?resize=100%2C100&amp;ssl=1 100w, https:\/\/i0.wp.com\/itayachtscanada.com\/wp-content\/uploads\/2025\/11\/Capture-decran-le-2025-11-04-a-15.37.07.jpg?resize=50%2C50&amp;ssl=1 50w, https:\/\/i0.wp.com\/itayachtscanada.com\/wp-content\/uploads\/2025\/11\/Capture-decran-le-2025-11-04-a-15.37.07.jpg?zoom=2&amp;resize=150%2C150&amp;ssl=1 300w, https:\/\/i0.wp.com\/itayachtscanada.com\/wp-content\/uploads\/2025\/11\/Capture-decran-le-2025-11-04-a-15.37.07.jpg?zoom=3&amp;resize=150%2C150&amp;ssl=1 450w\" sizes=\"auto, (max-width: 150px) 100vw, 150px\" data-attachment-id=\"292630\" data-permalink=\"https:\/\/itayachtscanada.com\/fr\/listing\/belize-66-daybridge-2025-3945000-usd-for-sale\/capture-decran-le-2025-11-04-a-15-37-07\/\" data-orig-file=\"https:\/\/i0.wp.com\/itayachtscanada.com\/wp-content\/uploads\/2025\/11\/Capture-decran-le-2025-11-04-a-15.37.07.jpg?fit=1260%2C820&amp;ssl=1\" data-orig-size=\"1260,820\" data-comments-opened=\"1\" data-image-meta=\"{&quot;aperture&quot;:&quot;0&quot;,&quot;credit&quot;:&quot;&quot;,&quot;camera&quot;:&quot;&quot;,&quot;caption&quot;:&quot;&quot;,&quot;created_timestamp&quot;:&quot;0&quot;,&quot;copyright&quot;:&quot;&quot;,&quot;focal_length&quot;:&quot;0&quot;,&quot;iso&quot;:&quot;0&quot;,&quot;shutter_speed&quot;:&quot;0&quot;,&quot;title&quot;:&quot;&quot;,&quot;orientation&quot;:&quot;0&quot;}\" data-image-title=\"Capture d\u2019e\u0301cran, le 2025-11-04 a\u0300 15.37.07\" data-image-description=\"\" data-image-caption=\"\" data-large-file=\"https:\/\/i0.wp.com\/itayachtscanada.com\/wp-content\/uploads\/2025\/11\/Capture-decran-le-2025-11-04-a-15.37.07.jpg?fit=700%2C455&amp;ssl=1\" \/><\/a>\n\t\t\t<\/div><\/figure><figure class='gallery-item'>\n\t\t\t<div class='gallery-icon landscape'>\n\t\t\t\t<a href='https:\/\/itayachtscanada.com\/fr\/listing\/belize-66-daybridge-2025-3945000-usd-for-sale\/capture-decran-le-2025-11-04-a-15-37-03\/'><img loading=\"lazy\" decoding=\"async\" width=\"150\" height=\"150\" src=\"https:\/\/i0.wp.com\/itayachtscanada.com\/wp-content\/uploads\/2025\/11\/Capture-decran-le-2025-11-04-a-15.37.03.jpg?resize=150%2C150&amp;ssl=1\" class=\"attachment-thumbnail size-thumbnail\" alt=\"\" srcset=\"https:\/\/i0.wp.com\/itayachtscanada.com\/wp-content\/uploads\/2025\/11\/Capture-decran-le-2025-11-04-a-15.37.03.jpg?resize=150%2C150&amp;ssl=1 150w, https:\/\/i0.wp.com\/itayachtscanada.com\/wp-content\/uploads\/2025\/11\/Capture-decran-le-2025-11-04-a-15.37.03.jpg?resize=60%2C60&amp;ssl=1 60w, https:\/\/i0.wp.com\/itayachtscanada.com\/wp-content\/uploads\/2025\/11\/Capture-decran-le-2025-11-04-a-15.37.03.jpg?resize=80%2C80&amp;ssl=1 80w, https:\/\/i0.wp.com\/itayachtscanada.com\/wp-content\/uploads\/2025\/11\/Capture-decran-le-2025-11-04-a-15.37.03.jpg?resize=100%2C100&amp;ssl=1 100w, https:\/\/i0.wp.com\/itayachtscanada.com\/wp-content\/uploads\/2025\/11\/Capture-decran-le-2025-11-04-a-15.37.03.jpg?resize=50%2C50&amp;ssl=1 50w, https:\/\/i0.wp.com\/itayachtscanada.com\/wp-content\/uploads\/2025\/11\/Capture-decran-le-2025-11-04-a-15.37.03.jpg?zoom=2&amp;resize=150%2C150&amp;ssl=1 300w, https:\/\/i0.wp.com\/itayachtscanada.com\/wp-content\/uploads\/2025\/11\/Capture-decran-le-2025-11-04-a-15.37.03.jpg?zoom=3&amp;resize=150%2C150&amp;ssl=1 450w\" sizes=\"auto, (max-width: 150px) 100vw, 150px\" data-attachment-id=\"292631\" data-permalink=\"https:\/\/itayachtscanada.com\/fr\/listing\/belize-66-daybridge-2025-3945000-usd-for-sale\/capture-decran-le-2025-11-04-a-15-37-03\/\" data-orig-file=\"https:\/\/i0.wp.com\/itayachtscanada.com\/wp-content\/uploads\/2025\/11\/Capture-decran-le-2025-11-04-a-15.37.03.jpg?fit=1260%2C820&amp;ssl=1\" data-orig-size=\"1260,820\" data-comments-opened=\"1\" data-image-meta=\"{&quot;aperture&quot;:&quot;0&quot;,&quot;credit&quot;:&quot;&quot;,&quot;camera&quot;:&quot;&quot;,&quot;caption&quot;:&quot;&quot;,&quot;created_timestamp&quot;:&quot;0&quot;,&quot;copyright&quot;:&quot;&quot;,&quot;focal_length&quot;:&quot;0&quot;,&quot;iso&quot;:&quot;0&quot;,&quot;shutter_speed&quot;:&quot;0&quot;,&quot;title&quot;:&quot;&quot;,&quot;orientation&quot;:&quot;0&quot;}\" data-image-title=\"Capture d\u2019e\u0301cran, le 2025-11-04 a\u0300 15.37.03\" data-image-description=\"\" data-image-caption=\"\" data-large-file=\"https:\/\/i0.wp.com\/itayachtscanada.com\/wp-content\/uploads\/2025\/11\/Capture-decran-le-2025-11-04-a-15.37.03.jpg?fit=700%2C455&amp;ssl=1\" \/><\/a>\n\t\t\t<\/div><\/figure><figure class='gallery-item'>\n\t\t\t<div class='gallery-icon landscape'>\n\t\t\t\t<a href='https:\/\/itayachtscanada.com\/fr\/listing\/belize-66-daybridge-2025-3945000-usd-for-sale\/layout-belize-66-daybridge\/'><img loading=\"lazy\" decoding=\"async\" width=\"150\" height=\"150\" src=\"https:\/\/i0.wp.com\/itayachtscanada.com\/wp-content\/uploads\/2025\/11\/Layout-Belize-66-Daybridge.jpg?resize=150%2C150&amp;ssl=1\" class=\"attachment-thumbnail size-thumbnail\" alt=\"\" srcset=\"https:\/\/i0.wp.com\/itayachtscanada.com\/wp-content\/uploads\/2025\/11\/Layout-Belize-66-Daybridge.jpg?resize=150%2C150&amp;ssl=1 150w, https:\/\/i0.wp.com\/itayachtscanada.com\/wp-content\/uploads\/2025\/11\/Layout-Belize-66-Daybridge.jpg?resize=60%2C60&amp;ssl=1 60w, https:\/\/i0.wp.com\/itayachtscanada.com\/wp-content\/uploads\/2025\/11\/Layout-Belize-66-Daybridge.jpg?resize=80%2C80&amp;ssl=1 80w, https:\/\/i0.wp.com\/itayachtscanada.com\/wp-content\/uploads\/2025\/11\/Layout-Belize-66-Daybridge.jpg?resize=100%2C100&amp;ssl=1 100w, https:\/\/i0.wp.com\/itayachtscanada.com\/wp-content\/uploads\/2025\/11\/Layout-Belize-66-Daybridge.jpg?resize=50%2C50&amp;ssl=1 50w, https:\/\/i0.wp.com\/itayachtscanada.com\/wp-content\/uploads\/2025\/11\/Layout-Belize-66-Daybridge.jpg?zoom=2&amp;resize=150%2C150&amp;ssl=1 300w, https:\/\/i0.wp.com\/itayachtscanada.com\/wp-content\/uploads\/2025\/11\/Layout-Belize-66-Daybridge.jpg?zoom=3&amp;resize=150%2C150&amp;ssl=1 450w\" sizes=\"auto, (max-width: 150px) 100vw, 150px\" data-attachment-id=\"292636\" data-permalink=\"https:\/\/itayachtscanada.com\/fr\/listing\/belize-66-daybridge-2025-3945000-usd-for-sale\/layout-belize-66-daybridge\/\" data-orig-file=\"https:\/\/i0.wp.com\/itayachtscanada.com\/wp-content\/uploads\/2025\/11\/Layout-Belize-66-Daybridge.jpg?fit=1344%2C1214&amp;ssl=1\" data-orig-size=\"1344,1214\" data-comments-opened=\"1\" data-image-meta=\"{&quot;aperture&quot;:&quot;0&quot;,&quot;credit&quot;:&quot;&quot;,&quot;camera&quot;:&quot;&quot;,&quot;caption&quot;:&quot;&quot;,&quot;created_timestamp&quot;:&quot;0&quot;,&quot;copyright&quot;:&quot;&quot;,&quot;focal_length&quot;:&quot;0&quot;,&quot;iso&quot;:&quot;0&quot;,&quot;shutter_speed&quot;:&quot;0&quot;,&quot;title&quot;:&quot;&quot;,&quot;orientation&quot;:&quot;0&quot;}\" data-image-title=\"Layout Belize 66 Daybridge\" data-image-description=\"\" data-image-caption=\"\" data-large-file=\"https:\/\/i0.wp.com\/itayachtscanada.com\/wp-content\/uploads\/2025\/11\/Layout-Belize-66-Daybridge.jpg?fit=700%2C632&amp;ssl=1\" \/><\/a>\n\t\t\t<\/div><\/figure><figure class='gallery-item'>\n\t\t\t<div class='gallery-icon landscape'>\n\t\t\t\t<a href='https:\/\/itayachtscanada.com\/fr\/listing\/belize-66-daybridge-2025-3945000-usd-for-sale\/capture-decran-le-2025-11-04-a-15-36-58\/'><img loading=\"lazy\" decoding=\"async\" width=\"150\" height=\"150\" src=\"https:\/\/i0.wp.com\/itayachtscanada.com\/wp-content\/uploads\/2025\/11\/Capture-decran-le-2025-11-04-a-15.36.58.jpg?resize=150%2C150&amp;ssl=1\" class=\"attachment-thumbnail size-thumbnail\" alt=\"\" srcset=\"https:\/\/i0.wp.com\/itayachtscanada.com\/wp-content\/uploads\/2025\/11\/Capture-decran-le-2025-11-04-a-15.36.58.jpg?resize=150%2C150&amp;ssl=1 150w, https:\/\/i0.wp.com\/itayachtscanada.com\/wp-content\/uploads\/2025\/11\/Capture-decran-le-2025-11-04-a-15.36.58.jpg?resize=60%2C60&amp;ssl=1 60w, https:\/\/i0.wp.com\/itayachtscanada.com\/wp-content\/uploads\/2025\/11\/Capture-decran-le-2025-11-04-a-15.36.58.jpg?resize=80%2C80&amp;ssl=1 80w, https:\/\/i0.wp.com\/itayachtscanada.com\/wp-content\/uploads\/2025\/11\/Capture-decran-le-2025-11-04-a-15.36.58.jpg?resize=100%2C100&amp;ssl=1 100w, https:\/\/i0.wp.com\/itayachtscanada.com\/wp-content\/uploads\/2025\/11\/Capture-decran-le-2025-11-04-a-15.36.58.jpg?resize=50%2C50&amp;ssl=1 50w, https:\/\/i0.wp.com\/itayachtscanada.com\/wp-content\/uploads\/2025\/11\/Capture-decran-le-2025-11-04-a-15.36.58.jpg?zoom=2&amp;resize=150%2C150&amp;ssl=1 300w, https:\/\/i0.wp.com\/itayachtscanada.com\/wp-content\/uploads\/2025\/11\/Capture-decran-le-2025-11-04-a-15.36.58.jpg?zoom=3&amp;resize=150%2C150&amp;ssl=1 450w\" sizes=\"auto, (max-width: 150px) 100vw, 150px\" data-attachment-id=\"292632\" data-permalink=\"https:\/\/itayachtscanada.com\/fr\/listing\/belize-66-daybridge-2025-3945000-usd-for-sale\/capture-decran-le-2025-11-04-a-15-36-58\/\" data-orig-file=\"https:\/\/i0.wp.com\/itayachtscanada.com\/wp-content\/uploads\/2025\/11\/Capture-decran-le-2025-11-04-a-15.36.58.jpg?fit=1260%2C820&amp;ssl=1\" data-orig-size=\"1260,820\" data-comments-opened=\"1\" data-image-meta=\"{&quot;aperture&quot;:&quot;0&quot;,&quot;credit&quot;:&quot;&quot;,&quot;camera&quot;:&quot;&quot;,&quot;caption&quot;:&quot;&quot;,&quot;created_timestamp&quot;:&quot;0&quot;,&quot;copyright&quot;:&quot;&quot;,&quot;focal_length&quot;:&quot;0&quot;,&quot;iso&quot;:&quot;0&quot;,&quot;shutter_speed&quot;:&quot;0&quot;,&quot;title&quot;:&quot;&quot;,&quot;orientation&quot;:&quot;0&quot;}\" data-image-title=\"Capture d\u2019e\u0301cran, le 2025-11-04 a\u0300 15.36.58\" data-image-description=\"\" data-image-caption=\"\" data-large-file=\"https:\/\/i0.wp.com\/itayachtscanada.com\/wp-content\/uploads\/2025\/11\/Capture-decran-le-2025-11-04-a-15.36.58.jpg?fit=700%2C455&amp;ssl=1\" \/><\/a>\n\t\t\t<\/div><\/figure><figure class='gallery-item'>\n\t\t\t<div class='gallery-icon landscape'>\n\t\t\t\t<a href='https:\/\/itayachtscanada.com\/fr\/listing\/belize-66-daybridge-2025-3945000-usd-for-sale\/capture-decran-le-2025-11-04-a-15-36-55\/'><img loading=\"lazy\" decoding=\"async\" width=\"150\" height=\"150\" src=\"https:\/\/i0.wp.com\/itayachtscanada.com\/wp-content\/uploads\/2025\/11\/Capture-decran-le-2025-11-04-a-15.36.55.jpg?resize=150%2C150&amp;ssl=1\" class=\"attachment-thumbnail size-thumbnail\" alt=\"\" srcset=\"https:\/\/i0.wp.com\/itayachtscanada.com\/wp-content\/uploads\/2025\/11\/Capture-decran-le-2025-11-04-a-15.36.55.jpg?resize=150%2C150&amp;ssl=1 150w, https:\/\/i0.wp.com\/itayachtscanada.com\/wp-content\/uploads\/2025\/11\/Capture-decran-le-2025-11-04-a-15.36.55.jpg?resize=60%2C60&amp;ssl=1 60w, https:\/\/i0.wp.com\/itayachtscanada.com\/wp-content\/uploads\/2025\/11\/Capture-decran-le-2025-11-04-a-15.36.55.jpg?resize=80%2C80&amp;ssl=1 80w, https:\/\/i0.wp.com\/itayachtscanada.com\/wp-content\/uploads\/2025\/11\/Capture-decran-le-2025-11-04-a-15.36.55.jpg?resize=100%2C100&amp;ssl=1 100w, https:\/\/i0.wp.com\/itayachtscanada.com\/wp-content\/uploads\/2025\/11\/Capture-decran-le-2025-11-04-a-15.36.55.jpg?resize=50%2C50&amp;ssl=1 50w, https:\/\/i0.wp.com\/itayachtscanada.com\/wp-content\/uploads\/2025\/11\/Capture-decran-le-2025-11-04-a-15.36.55.jpg?zoom=2&amp;resize=150%2C150&amp;ssl=1 300w, https:\/\/i0.wp.com\/itayachtscanada.com\/wp-content\/uploads\/2025\/11\/Capture-decran-le-2025-11-04-a-15.36.55.jpg?zoom=3&amp;resize=150%2C150&amp;ssl=1 450w\" sizes=\"auto, (max-width: 150px) 100vw, 150px\" data-attachment-id=\"292633\" data-permalink=\"https:\/\/itayachtscanada.com\/fr\/listing\/belize-66-daybridge-2025-3945000-usd-for-sale\/capture-decran-le-2025-11-04-a-15-36-55\/\" data-orig-file=\"https:\/\/i0.wp.com\/itayachtscanada.com\/wp-content\/uploads\/2025\/11\/Capture-decran-le-2025-11-04-a-15.36.55.jpg?fit=1260%2C820&amp;ssl=1\" data-orig-size=\"1260,820\" data-comments-opened=\"1\" data-image-meta=\"{&quot;aperture&quot;:&quot;0&quot;,&quot;credit&quot;:&quot;&quot;,&quot;camera&quot;:&quot;&quot;,&quot;caption&quot;:&quot;&quot;,&quot;created_timestamp&quot;:&quot;0&quot;,&quot;copyright&quot;:&quot;&quot;,&quot;focal_length&quot;:&quot;0&quot;,&quot;iso&quot;:&quot;0&quot;,&quot;shutter_speed&quot;:&quot;0&quot;,&quot;title&quot;:&quot;&quot;,&quot;orientation&quot;:&quot;0&quot;}\" data-image-title=\"Capture d\u2019e\u0301cran, le 2025-11-04 a\u0300 15.36.55\" data-image-description=\"\" data-image-caption=\"\" data-large-file=\"https:\/\/i0.wp.com\/itayachtscanada.com\/wp-content\/uploads\/2025\/11\/Capture-decran-le-2025-11-04-a-15.36.55.jpg?fit=700%2C455&amp;ssl=1\" \/><\/a>\n\t\t\t<\/div><\/figure><figure class='gallery-item'>\n\t\t\t<div class='gallery-icon landscape'>\n\t\t\t\t<a href='https:\/\/itayachtscanada.com\/fr\/listing\/belize-66-daybridge-2025-3945000-usd-for-sale\/capture-decran-le-2025-11-04-a-15-36-51\/'><img loading=\"lazy\" decoding=\"async\" width=\"150\" height=\"150\" src=\"https:\/\/i0.wp.com\/itayachtscanada.com\/wp-content\/uploads\/2025\/11\/Capture-decran-le-2025-11-04-a-15.36.51.jpg?resize=150%2C150&amp;ssl=1\" class=\"attachment-thumbnail size-thumbnail\" alt=\"\" srcset=\"https:\/\/i0.wp.com\/itayachtscanada.com\/wp-content\/uploads\/2025\/11\/Capture-decran-le-2025-11-04-a-15.36.51.jpg?resize=150%2C150&amp;ssl=1 150w, https:\/\/i0.wp.com\/itayachtscanada.com\/wp-content\/uploads\/2025\/11\/Capture-decran-le-2025-11-04-a-15.36.51.jpg?resize=60%2C60&amp;ssl=1 60w, https:\/\/i0.wp.com\/itayachtscanada.com\/wp-content\/uploads\/2025\/11\/Capture-decran-le-2025-11-04-a-15.36.51.jpg?resize=80%2C80&amp;ssl=1 80w, https:\/\/i0.wp.com\/itayachtscanada.com\/wp-content\/uploads\/2025\/11\/Capture-decran-le-2025-11-04-a-15.36.51.jpg?resize=100%2C100&amp;ssl=1 100w, https:\/\/i0.wp.com\/itayachtscanada.com\/wp-content\/uploads\/2025\/11\/Capture-decran-le-2025-11-04-a-15.36.51.jpg?resize=50%2C50&amp;ssl=1 50w, https:\/\/i0.wp.com\/itayachtscanada.com\/wp-content\/uploads\/2025\/11\/Capture-decran-le-2025-11-04-a-15.36.51.jpg?zoom=2&amp;resize=150%2C150&amp;ssl=1 300w, https:\/\/i0.wp.com\/itayachtscanada.com\/wp-content\/uploads\/2025\/11\/Capture-decran-le-2025-11-04-a-15.36.51.jpg?zoom=3&amp;resize=150%2C150&amp;ssl=1 450w\" sizes=\"auto, (max-width: 150px) 100vw, 150px\" data-attachment-id=\"292634\" data-permalink=\"https:\/\/itayachtscanada.com\/fr\/listing\/belize-66-daybridge-2025-3945000-usd-for-sale\/capture-decran-le-2025-11-04-a-15-36-51\/\" data-orig-file=\"https:\/\/i0.wp.com\/itayachtscanada.com\/wp-content\/uploads\/2025\/11\/Capture-decran-le-2025-11-04-a-15.36.51.jpg?fit=1260%2C820&amp;ssl=1\" data-orig-size=\"1260,820\" data-comments-opened=\"1\" data-image-meta=\"{&quot;aperture&quot;:&quot;0&quot;,&quot;credit&quot;:&quot;&quot;,&quot;camera&quot;:&quot;&quot;,&quot;caption&quot;:&quot;&quot;,&quot;created_timestamp&quot;:&quot;0&quot;,&quot;copyright&quot;:&quot;&quot;,&quot;focal_length&quot;:&quot;0&quot;,&quot;iso&quot;:&quot;0&quot;,&quot;shutter_speed&quot;:&quot;0&quot;,&quot;title&quot;:&quot;&quot;,&quot;orientation&quot;:&quot;0&quot;}\" data-image-title=\"Capture d\u2019e\u0301cran, le 2025-11-04 a\u0300 15.36.51\" data-image-description=\"\" data-image-caption=\"\" data-large-file=\"https:\/\/i0.wp.com\/itayachtscanada.com\/wp-content\/uploads\/2025\/11\/Capture-decran-le-2025-11-04-a-15.36.51.jpg?fit=700%2C455&amp;ssl=1\" \/><\/a>\n\t\t\t<\/div><\/figure><figure class='gallery-item'>\n\t\t\t<div class='gallery-icon landscape'>\n\t\t\t\t<a href='https:\/\/itayachtscanada.com\/fr\/listing\/belize-66-daybridge-2025-3945000-usd-for-sale\/capture-decran-le-2025-11-04-a-15-36-40\/'><img loading=\"lazy\" decoding=\"async\" width=\"150\" height=\"150\" src=\"https:\/\/i0.wp.com\/itayachtscanada.com\/wp-content\/uploads\/2025\/11\/Capture-decran-le-2025-11-04-a-15.36.40.jpg?resize=150%2C150&amp;ssl=1\" class=\"attachment-thumbnail size-thumbnail\" alt=\"\" srcset=\"https:\/\/i0.wp.com\/itayachtscanada.com\/wp-content\/uploads\/2025\/11\/Capture-decran-le-2025-11-04-a-15.36.40.jpg?resize=150%2C150&amp;ssl=1 150w, https:\/\/i0.wp.com\/itayachtscanada.com\/wp-content\/uploads\/2025\/11\/Capture-decran-le-2025-11-04-a-15.36.40.jpg?resize=60%2C60&amp;ssl=1 60w, https:\/\/i0.wp.com\/itayachtscanada.com\/wp-content\/uploads\/2025\/11\/Capture-decran-le-2025-11-04-a-15.36.40.jpg?resize=80%2C80&amp;ssl=1 80w, https:\/\/i0.wp.com\/itayachtscanada.com\/wp-content\/uploads\/2025\/11\/Capture-decran-le-2025-11-04-a-15.36.40.jpg?resize=100%2C100&amp;ssl=1 100w, https:\/\/i0.wp.com\/itayachtscanada.com\/wp-content\/uploads\/2025\/11\/Capture-decran-le-2025-11-04-a-15.36.40.jpg?resize=50%2C50&amp;ssl=1 50w, https:\/\/i0.wp.com\/itayachtscanada.com\/wp-content\/uploads\/2025\/11\/Capture-decran-le-2025-11-04-a-15.36.40.jpg?zoom=2&amp;resize=150%2C150&amp;ssl=1 300w, https:\/\/i0.wp.com\/itayachtscanada.com\/wp-content\/uploads\/2025\/11\/Capture-decran-le-2025-11-04-a-15.36.40.jpg?zoom=3&amp;resize=150%2C150&amp;ssl=1 450w\" sizes=\"auto, (max-width: 150px) 100vw, 150px\" data-attachment-id=\"292635\" data-permalink=\"https:\/\/itayachtscanada.com\/fr\/listing\/belize-66-daybridge-2025-3945000-usd-for-sale\/capture-decran-le-2025-11-04-a-15-36-40\/\" data-orig-file=\"https:\/\/i0.wp.com\/itayachtscanada.com\/wp-content\/uploads\/2025\/11\/Capture-decran-le-2025-11-04-a-15.36.40.jpg?fit=1260%2C820&amp;ssl=1\" data-orig-size=\"1260,820\" data-comments-opened=\"1\" data-image-meta=\"{&quot;aperture&quot;:&quot;0&quot;,&quot;credit&quot;:&quot;&quot;,&quot;camera&quot;:&quot;&quot;,&quot;caption&quot;:&quot;&quot;,&quot;created_timestamp&quot;:&quot;0&quot;,&quot;copyright&quot;:&quot;&quot;,&quot;focal_length&quot;:&quot;0&quot;,&quot;iso&quot;:&quot;0&quot;,&quot;shutter_speed&quot;:&quot;0&quot;,&quot;title&quot;:&quot;&quot;,&quot;orientation&quot;:&quot;0&quot;}\" data-image-title=\"Capture d\u2019e\u0301cran, le 2025-11-04 a\u0300 15.36.40\" data-image-description=\"\" data-image-caption=\"\" data-large-file=\"https:\/\/i0.wp.com\/itayachtscanada.com\/wp-content\/uploads\/2025\/11\/Capture-decran-le-2025-11-04-a-15.36.40.jpg?fit=700%2C455&amp;ssl=1\" \/><\/a>\n\t\t\t<\/div><\/figure><figure class='gallery-item'>\n\t\t\t<div class='gallery-icon landscape'>\n\t\t\t\t<a href='https:\/\/itayachtscanada.com\/fr\/listing\/belize-66-daybridge-2025-3945000-usd-for-sale\/capture-decran-le-2025-11-04-a-15-47-16\/'><img loading=\"lazy\" decoding=\"async\" width=\"150\" height=\"150\" src=\"https:\/\/i0.wp.com\/itayachtscanada.com\/wp-content\/uploads\/2025\/11\/Capture-decran-le-2025-11-04-a-15.47.16.jpg?resize=150%2C150&amp;ssl=1\" class=\"attachment-thumbnail size-thumbnail\" alt=\"\" srcset=\"https:\/\/i0.wp.com\/itayachtscanada.com\/wp-content\/uploads\/2025\/11\/Capture-decran-le-2025-11-04-a-15.47.16.jpg?resize=150%2C150&amp;ssl=1 150w, https:\/\/i0.wp.com\/itayachtscanada.com\/wp-content\/uploads\/2025\/11\/Capture-decran-le-2025-11-04-a-15.47.16.jpg?resize=60%2C60&amp;ssl=1 60w, https:\/\/i0.wp.com\/itayachtscanada.com\/wp-content\/uploads\/2025\/11\/Capture-decran-le-2025-11-04-a-15.47.16.jpg?resize=80%2C80&amp;ssl=1 80w, https:\/\/i0.wp.com\/itayachtscanada.com\/wp-content\/uploads\/2025\/11\/Capture-decran-le-2025-11-04-a-15.47.16.jpg?resize=100%2C100&amp;ssl=1 100w, https:\/\/i0.wp.com\/itayachtscanada.com\/wp-content\/uploads\/2025\/11\/Capture-decran-le-2025-11-04-a-15.47.16.jpg?resize=50%2C50&amp;ssl=1 50w, https:\/\/i0.wp.com\/itayachtscanada.com\/wp-content\/uploads\/2025\/11\/Capture-decran-le-2025-11-04-a-15.47.16.jpg?zoom=2&amp;resize=150%2C150&amp;ssl=1 300w, https:\/\/i0.wp.com\/itayachtscanada.com\/wp-content\/uploads\/2025\/11\/Capture-decran-le-2025-11-04-a-15.47.16.jpg?zoom=3&amp;resize=150%2C150&amp;ssl=1 450w\" sizes=\"auto, (max-width: 150px) 100vw, 150px\" data-attachment-id=\"292637\" data-permalink=\"https:\/\/itayachtscanada.com\/fr\/listing\/belize-66-daybridge-2025-3945000-usd-for-sale\/capture-decran-le-2025-11-04-a-15-47-16\/\" data-orig-file=\"https:\/\/i0.wp.com\/itayachtscanada.com\/wp-content\/uploads\/2025\/11\/Capture-decran-le-2025-11-04-a-15.47.16.jpg?fit=1336%2C888&amp;ssl=1\" data-orig-size=\"1336,888\" data-comments-opened=\"1\" data-image-meta=\"{&quot;aperture&quot;:&quot;0&quot;,&quot;credit&quot;:&quot;&quot;,&quot;camera&quot;:&quot;&quot;,&quot;caption&quot;:&quot;&quot;,&quot;created_timestamp&quot;:&quot;0&quot;,&quot;copyright&quot;:&quot;&quot;,&quot;focal_length&quot;:&quot;0&quot;,&quot;iso&quot;:&quot;0&quot;,&quot;shutter_speed&quot;:&quot;0&quot;,&quot;title&quot;:&quot;&quot;,&quot;orientation&quot;:&quot;0&quot;}\" data-image-title=\"Capture d\u2019e\u0301cran, le 2025-11-04 a\u0300 15.47.16\" data-image-description=\"\" data-image-caption=\"\" data-large-file=\"https:\/\/i0.wp.com\/itayachtscanada.com\/wp-content\/uploads\/2025\/11\/Capture-decran-le-2025-11-04-a-15.47.16.jpg?fit=700%2C466&amp;ssl=1\" \/><\/a>\n\t\t\t<\/div><\/figure>\n\t\t<\/div>\n\n<div class=\"jetpack-video-wrapper\"><span class=\"embed-youtube\" style=\"text-align:center; display: block;\"><iframe loading=\"lazy\" class=\"youtube-player\" width=\"700\" height=\"394\" src=\"https:\/\/www.youtube.com\/embed\/mmmva-vnBOE?version=3&#038;rel=1&#038;showsearch=0&#038;showinfo=1&#038;iv_load_policy=1&#038;fs=1&#038;hl=fr-FR&#038;autohide=2&#038;wmode=transparent\" allowfullscreen=\"true\" style=\"border:0;\" sandbox=\"allow-scripts allow-same-origin allow-popups allow-presentation allow-popups-to-escape-sandbox\"><\/iframe><\/span><\/div>\n<div class=\"jetpack-video-wrapper\"><span class=\"embed-youtube\" style=\"text-align:center; display: block;\"><iframe loading=\"lazy\" class=\"youtube-player\" width=\"700\" height=\"394\" src=\"https:\/\/www.youtube.com\/embed\/2y-taIJzJ2w?version=3&#038;rel=1&#038;showsearch=0&#038;showinfo=1&#038;iv_load_policy=1&#038;fs=1&#038;hl=fr-FR&#038;autohide=2&#038;wmode=transparent\" allowfullscreen=\"true\" style=\"border:0;\" sandbox=\"allow-scripts allow-same-origin allow-popups allow-presentation allow-popups-to-escape-sandbox\"><\/iframe><\/span><\/div>\n<div class=\"jetpack-video-wrapper\"><span class=\"embed-youtube\" style=\"text-align:center; display: block;\"><iframe loading=\"lazy\" class=\"youtube-player\" width=\"700\" height=\"394\" src=\"https:\/\/www.youtube.com\/embed\/mUY03FQ3SaY?version=3&#038;rel=1&#038;showsearch=0&#038;showinfo=1&#038;iv_load_policy=1&#038;fs=1&#038;hl=fr-FR&#038;autohide=2&#038;wmode=transparent\" allowfullscreen=\"true\" style=\"border:0;\" sandbox=\"allow-scripts allow-same-origin allow-popups allow-presentation allow-popups-to-escape-sandbox\"><\/iframe><\/span><\/div>\n<div class=\"jetpack-video-wrapper\"><span class=\"embed-youtube\" style=\"text-align:center; display: block;\"><iframe loading=\"lazy\" class=\"youtube-player\" width=\"700\" height=\"394\" src=\"https:\/\/www.youtube.com\/embed\/CSJjEYyh-gE?version=3&#038;rel=1&#038;showsearch=0&#038;showinfo=1&#038;iv_load_policy=1&#038;fs=1&#038;hl=fr-FR&#038;autohide=2&#038;wmode=transparent\" allowfullscreen=\"true\" style=\"border:0;\" sandbox=\"allow-scripts allow-same-origin allow-popups allow-presentation allow-popups-to-escape-sandbox\"><\/iframe><\/span><\/div>\n<\/div>\n<\/div>\n<\/div>\n<\/div>\n<\/div>\n<\/div>\n<\/div>\n<\/div>\n<\/div>\n<\/div>\n<div>\n<div class=\"content-header\">\n<div><\/div>\n<div><\/div>\n<div>\n<p><strong>Ita Yachts Canada propose de vous assister et de voir \u00e0 vos int\u00e9r\u00eats pour l\u2019achat de ce yacht qui est \u00e0 vendre par une autre organisation. Nous serons pr\u00e9sents lors de l\u2019inspection et tout au long de la transaction et ce peu importe sa localisation. L\u2019\u00e9quipe d\u2019Ita Yachts Canada se soumet au plus haut standard d\u2019\u00e9thique.<\/strong><\/p>\n<\/div>\n<div><\/div>\n<div>\n<p>Description du constructeur<\/p>\n<p>La marque de luxe Belize a entam\u00e9 la construction du Belize 66, le dernier-n\u00e9 de sa gamme de yachts \u00e0 moteur au style classique. Ce mod\u00e8le s&rsquo;appuie sur l&rsquo;h\u00e9ritage, d\u00e9voil\u00e9 pour la premi\u00e8re fois en 2011, d&rsquo;un yacht \u00e0 moteur de luxe \u00e9voquant le style d&rsquo;une \u00e9poque r\u00e9volue du yachting, avec ses int\u00e9rieurs raffin\u00e9s r\u00e9alis\u00e9s \u00e0 la main et, surtout, son caract\u00e8re unique. Le Belize 54 original a rapidement s\u00e9duit des propri\u00e9taires qui, forts de nombreuses ann\u00e9es d&rsquo;exp\u00e9rience en navigation, savaient pr\u00e9cis\u00e9ment ce qu&rsquo;ils voulaient et avaient trouv\u00e9 une \u00e9quipe passionn\u00e9e capable de les aider \u00e0 cr\u00e9er le yacht \u00e0 moteur de leurs r\u00eaves. Avec le Belize 66, Belize repousse les limites du concept de yacht \u00e0 moteur semi-personnalis\u00e9. Ce navire offre une sensation in\u00e9dite d&rsquo;espace, de confort et de luxe, ainsi qu&rsquo;un niveau de personnalisation et d&rsquo;\u00e9l\u00e9ments sur mesure sans \u00e9gal. Disponible en versions sedan ou daybridge, le Belize 66 propose trois ou quatre cabines, avec un vaste espace entre la cabine propri\u00e9taire centrale et la salle des machines, pouvant \u00eatre am\u00e9nag\u00e9 selon de nombreux besoins.<\/p>\n<p>Caract\u00e9ristiques standard<\/p>\n<p>CONSTRUCTION DE LA COQUE, DU PONT ET DU HARD-TOP<\/p>\n<p>Coque, pont et superstructure en fibre de verre moul\u00e9e et stratifi\u00e9e \u00e0 la main. Fond, quille et bouchains en fibre de verre monobloc, du tableau arri\u00e8re \u00e0 la cloison avant de la salle des machines. Fond de coque \u00e0 \u00e2me en avant de la cloison avant de la salle des machines jusqu&rsquo;\u00e0 la proue.<\/p>\n<p>Coque rigidifi\u00e9e par des longerons longitudinaux et transversaux, \u00e0 \u00e2me en mousse et rev\u00eatue de PRV, soutenue par des cloisons transversales et le pont.<\/p>\n<p>Coque enti\u00e8rement stratifi\u00e9e en r\u00e9sine vinylester avec \u00e2me en balsa pour une stabilit\u00e9 accrue. La coque a subi une post-cuisson avant les finitions pour une stabilit\u00e9 de surface optimale.<\/p>\n<p>Compartiments ind\u00e9pendants dans toute la structure de la coque pour plus de s\u00e9curit\u00e9.<br \/>\nCloisons \u00e9tanches \u00e0 gradins et coffre \u00e0 mouillage \u00e0 l&rsquo;avant.<\/p>\n<p>Les cloisons principales et le plancher avant sont construits en composite impr\u00e9gn\u00e9 de r\u00e9sine, avec une \u00e2me en mousse et des couches de stratifi\u00e9 de fibre de verre pour un poids r\u00e9duit.<br \/>\nAntifouling noir sur sous-couche \u00e9poxy, appliqu\u00e9 sur les transmissions et h\u00e9lices Volvo IPS 3.<br \/>\nRev\u00eatements antid\u00e9rapants sur le hard-top pour une meilleure adh\u00e9rence lors du lavage, pont avant et passavants (de s\u00e9rie).<br \/>\nPont en teck sur le cockpit, la plateforme de bain, les marches lat\u00e9rales, la zone de mouillage sur\u00e9lev\u00e9e \u00e0 l&rsquo;avant et les couvercles des guindeaux arri\u00e8re, ainsi que sur le bain de soleil central (de s\u00e9rie).<br \/>\nPont en teck sur le plancher de la banquette avant.<\/p>\n<p>\u00c9QUIPEMENTS DE COQUE ET DE PONT<\/p>\n<p>Plaque de protection d&rsquo;ancre en acier inoxydable fix\u00e9e \u00e0 l&rsquo;avant, \u00e9pousant la forme de la coque.<br \/>\nCam\u00e9ra int\u00e9gr\u00e9e \u00e0 la plaque d&rsquo;\u00e9trave, au-dessus de l&rsquo;ancre.<br \/>\nProjecteur LED blanc 12 V fix\u00e9 au pavois en teck \u00e0 l&rsquo;avant, avec t\u00e9l\u00e9commande filaire reli\u00e9e au tableau de bord. T\u00e9l\u00e9commande sans fil<\/p>\n<p>Cinq (5) hublots ouvrants ronds en acier inoxydable avec alarmes et moustiquaires (2 \u00e0 b\u00e2bord et 3 \u00e0 tribord)<\/p>\n<p>Deux (2) hublots fixes ovales dans la cabine VIP avant<\/p>\n<p>Deux (2) grands hublots ovales avec hublots ouvrants circulaires int\u00e9gr\u00e9s, \u00e9quip\u00e9s d&rsquo;alarmes et de moustiquaires. Un hublot \u00e0 b\u00e2bord et un \u00e0 tribord dans la cabine propri\u00e9taire<\/p>\n<p>Un (1) grand hublot ovale avec hublot ouvrant circulaire int\u00e9gr\u00e9, alarme et moustiquaire dans la cabine invit\u00e9s b\u00e2bord<\/p>\n<p>Un (1) hublot ovale de taille moyenne avec hublot ouvrant circulaire int\u00e9gr\u00e9, alarme et moustiquaire dans la salle de bain principale avant tribord<\/p>\n<p>Un (1) panneau de pont carr\u00e9 en acier inoxydable, \u00e0 l&rsquo;extr\u00e9mit\u00e9 avant du pont avant au-dessus de la cabine VIP, avec stores enrouleurs et moustiquaire<\/p>\n<p>Un (1) panneau de pont carr\u00e9 en acier inoxydable, devant le pare-brise, sous les si\u00e8ges, pour l&rsquo;\u00e9vacuation d&rsquo;urgence. Pas de store ni de moustiquaire requis.<\/p>\n<p>Balcon d&rsquo;\u00e9trave sur le pont principal\u00a0: lisse sup\u00e9rieure elliptique en inox de 60\u00a0mm, chandeliers verticaux de 32\u00a0mm, lisses centrales pleines d\u00e9cal\u00e9es de 25\u00a0mm vers l&rsquo;avant avec c\u00e2bles en inox gain\u00e9s de plastique blanc s&rsquo;\u00e9tendant vers l&rsquo;arri\u00e8re.<\/p>\n<p>Un porte-guirlande amovible en inox est fix\u00e9 \u00e0 l&rsquo;avant du balcon.<\/p>\n<p>Deux taquets sur mesure en inox de 350\u00a0mm pour le pont avant, un \u00e0 b\u00e2bord et un \u00e0 tribord.<\/p>\n<p>Deux chaumards sur mesure en inox, mont\u00e9s \u00e0 l&rsquo;avant et fix\u00e9s chacun \u00e0 un pavois en teck, un \u00e0 b\u00e2bord et un \u00e0 tribord.<\/p>\n<p>Quatre taquets sur mesure en inox de 350\u00a0mm au milieu du bateau, deux de chaque c\u00f4t\u00e9, servant de taquets d&rsquo;amarrage. Chaque \u00e9l\u00e9ment est fix\u00e9 au pavois en teck.<\/p>\n<p>Deux (2) taquets sur mesure en acier inoxydable de 350 mm sur les flancs du pont arri\u00e8re, un (1) \u00e0 b\u00e2bord et un (1) \u00e0 tribord, avec chaumards sur mesure en acier inoxydable pour chaque taquet.<\/p>\n<p>Deux (2) taquets sur mesure en acier inoxydable de 275 mm sur les flancs du pont arri\u00e8re, un (1) \u00e0 b\u00e2bord et un (1) \u00e0 tribord, \u00e0 monter sur la courbe arri\u00e8re menant \u00e0 la plateforme de bain.<\/p>\n<p>Un (1) taquet sur mesure en acier inoxydable de 275 mm \u00e0 c\u00f4t\u00e9 du guindeau pour la fixation de l&rsquo;amortisseur.<\/p>\n<p>Un renfoncement est pr\u00e9vu pour loger les winchs d&rsquo;amarrage arri\u00e8re \u00e0 b\u00e2bord et \u00e0 tribord, avec des coffres de rangement pour les cordages dans les angles du cockpit et des couvercles en teck.<\/p>\n<p>&nbsp;<\/p>\n<p>\u00c9QUIPEMENTS EXT\u00c9RIEURS<\/p>\n<p>Pare-brise incurv\u00e9 en trois parties en verre clair, avec cache de pare-brise noir standard. \u00c9paisseur conforme aux normes CE.<\/p>\n<p>Pare-brise monobloc Ezone de s\u00e9rie pour une meilleure r\u00e9sistance \u00e0 la chaleur.<\/p>\n<p>Trois (3) orifices de remplissage et trois (3) \u00e9vents de carburant\u00a0: deux (2) \u00e0 b\u00e2bord pour le remplissage des r\u00e9servoirs d&rsquo;aile compens\u00e9s et du r\u00e9servoir central, et un (1) \u00e0 tribord pour le remplissage des r\u00e9servoirs d&rsquo;aile compens\u00e9s. Ceci permet le remplissage du r\u00e9servoir central ind\u00e9pendamment des r\u00e9servoirs d&rsquo;aile compens\u00e9s. Les orifices de remplissage et d&rsquo;\u00e9vent sont encastr\u00e9s dans les flancs de la cabine, juste au-dessus des passavants. Deux (2) robinets de remplissage d&rsquo;eau douce avec deux (2) \u00e9vents en acier inoxydable, un (1) \u00e0 b\u00e2bord et un (1) \u00e0 tribord.<\/p>\n<p>Un (1) point de vidange \u00e0 quai pour les eaux noires du coffre \u00e0 mouillage \u00e0 b\u00e2bord, ainsi qu&rsquo;une pompe de mac\u00e9ration pour l&rsquo;\u00e9vacuation par-dessus bord.<\/p>\n<p>Un (1) nettoyeur de pont haute pression Comet \u00e0 eau douce, install\u00e9 avec des points de sortie\u00a0: un (1) sur le pont arri\u00e8re et un (1) dans le coffre \u00e0 mouillage. Des vannes \u00e0 bille doivent \u00eatre install\u00e9es sur chaque sortie.<\/p>\n<p>Trois (3) sorties d&rsquo;eau douce (raccord rapide)\u00a0: une (1) sur la marche rabattable arri\u00e8re tribord, une (1) dans le coffre \u00e0 mouillage et une (1) dans la salle des machines.<\/p>\n<p>Un (1) enrouleur de tuyau Reels dans la salle des machines.<\/p>\n<p>\u00c9clairage de courtoisie ext\u00e9rieur \u00e0 LED bleues. Cockpit, zone assise du pont avant, zone de mouillage, passavants et Daybridge<\/p>\n<p>Huit (8) charni\u00e8res en acier inoxydable (4 \u00e0 gauche et 4 \u00e0 droite) fix\u00e9es aux rouleaux des bains de soleil ext\u00e9rieurs pour les transformer en support lombaire dans la zone assise du pont avant<br \/>\nBandeaux lumineux de courtoisie LED bleus Stella 10 mm x 10 mm \u00e0 installer le long des marches arri\u00e8re b\u00e2bord et tribord, dont un couvrant toute la largeur de la porte de garage<\/p>\n<p>Un bandeau lumineux LED bleu continu Stella 10 mm x 10 mm sous le bandeau, s&rsquo;\u00e9tendant sur toute la longueur de la ligne de fen\u00eatre sup\u00e9rieure, du c\u00f4t\u00e9 b\u00e2bord, autour du pare-brise et le long du c\u00f4t\u00e9 tribord du pont principal<br \/>\nPlafonniers ext\u00e9rieurs LED Lumitec Mirage \u00e0 changement de couleur avec entourage en acier inoxydable<\/p>\n<p>Feux de navigation LED<br \/>\nAvertisseur sonore pneumatique Kahlenburg \u00e0 double trompette<br \/>\nVitres lat\u00e9rales en verre tremp\u00e9 teint\u00e9 fonc\u00e9 de 6 mm<br \/>\nUne (1) fen\u00eatre coulissante de salon tribord teint\u00e9e fonc\u00e9e de 6 mm<br \/>\nPorte d&rsquo;acc\u00e8s lat\u00e9rale \u00e0 pantographe c\u00f4t\u00e9 b\u00e2bord du salon avec m\u00e9canisme de verrouillage manuel et store manuel install\u00e9s<br \/>\nVitres teint\u00e9es fonc\u00e9es Cloison arri\u00e8re du pont, \u00e0 ossature inox, en verre tremp\u00e9 avec porte coulissante et fen\u00eatre \u00e0 guillotine donnant sur le cockpit, \u00e9quip\u00e9e de stores manuels int\u00e9gr\u00e9s. Vitre noire \u00e0 installer sur le hublot fixe b\u00e2bord.<\/p>\n<p>Grand espace salon utilisable sur le pont avant, comprenant une table rabattable et convertible en bain de soleil. Sellerie en tissu ext\u00e9rieur Sunbrella et coussins en mousse r\u00e9ticul\u00e9e.<br \/>\nGlaci\u00e8res int\u00e9gr\u00e9es b\u00e2bord et tribord \u00e0 l&rsquo;avant du coin salon du pont avant.<br \/>\nHaut-parleurs et amplificateur du cockpit aliment\u00e9s par la zone 2 du r\u00e9cepteur AV Yamaha du carr\u00e9.<br \/>\nQuatre (4) haut-parleurs audio 7,7&Prime; avec grilles blanches classiques dans le cockpit. Un (1) caisson de basses audio 10&Prime; avec grille blanche classique, install\u00e9 \u00e0 l&rsquo;arri\u00e8re du meuble barbecue b\u00e2bord. Un (1) amplificateur audio 12 V aliment\u00e9 par un convertisseur Mastervolt 24\/12 V.<br \/>\nHaut-parleurs et amplificateur du pont avant aliment\u00e9s par la zone 3 du r\u00e9cepteur AV Yamaha du carr\u00e9.<br \/>\nQuatre (4) haut-parleurs audio 7,7&Prime; avec grilles blanches classiques. Un (1) \u00e0 b\u00e2bord et un (1) \u00e0 tribord, plac\u00e9s verticalement \u00e0 l&rsquo;int\u00e9rieur du coin salon, \u00e0 l&rsquo;arri\u00e8re des glaci\u00e8res\u00a0; deux (2) mont\u00e9s dans le pare-brise.<br \/>\nUn (1) amplificateur audio 12 V aliment\u00e9 par un convertisseur Mastervolt 24\/12 V.<br \/>\nM\u00e2t de navigation en aluminium peint, int\u00e9grant tous les \u00e9quipements de navigation et de communication. \u00c9quipement. M\u00e2t peint de s\u00e9rie assorti \u00e0 la coque en gelcoat.<br \/>\nM\u00e2t de pavillon en teck et acier inoxydable poli avec deux (2) supports arri\u00e8re, un sur chaque tableau arri\u00e8re, pour faciliter l&#8217;embarquement.<br \/>\nLogos b\u00e2bord et tribord du Belize imprim\u00e9s derri\u00e8re les vitres lat\u00e9rales arri\u00e8re avec r\u00e9tro\u00e9clairage.<br \/>\nLigne de pavois en teck naturel de 22 mm (finition brute de s\u00e9rie).<br \/>\n\u00c9quipement d&rsquo;ancrage et d&rsquo;amarrage.<br \/>\nDavier d&rsquo;\u00e9trave en acier inoxydable sur mesure de haute qualit\u00e9.<br \/>\nSyst\u00e8me de rin\u00e7age d&rsquo;ancre \u00e0 l&rsquo;eau de mer haute pression, par injection des deux c\u00f4t\u00e9s des rouleaux.<\/p>\n<p>Cam\u00e9ra \u00e0 monter sur une plaque d&rsquo;\u00e9trave en acier inoxydable poli, au-dessus de l&rsquo;ancre.<br \/>\nTreuil \u00e9lectrique 24 V, guindeau vertical pour cha\u00eene avec cabestan. Le guindeau et le barbotin sont mont\u00e9s pour fonctionner efficacement avec les chaumards.<br \/>\nT\u00e9l\u00e9commande portable \u00e0 cordon \u00e0 l&rsquo;avant pour la commande locale de la mont\u00e9e\/descente de l&rsquo;ancre et l&rsquo;activation\/d\u00e9sactivation du rin\u00e7age.<br \/>\nT\u00e9l\u00e9commande du guindeau au poste de pilotage principal pour la commande de la mont\u00e9e\/descente avec compteur de cha\u00eene.<br \/>\nUne (1) ancre de 45 kg en acier inoxydable ultra-poli. \u00c9merillon<br \/>\n70 m de cha\u00eene d&rsquo;ancre galvanis\u00e9e \u00e0 maillons courts de 13 mm<br \/>\nBut\u00e9e de cha\u00eene de 13 mm et syst\u00e8me de fixation en forme de griffe du diable<br \/>\nS\u00e9parateurs install\u00e9s dans le compartiment de rangement de l&rsquo;ancre pour la cha\u00eene, les amarres et les d\u00e9fenses<br \/>\nDeux (2) trappes de rangement dans l&rsquo;ancre avec loquets en acier inoxydable \u00e0 verrouillage positif<br \/>\nQuatre (4) lests de d\u00e9fense, quatre (4) amarres de d\u00e9fense, amarres noires (2 x 8 m et 2 x 18 m) et une (1) gaffe<br \/>\nZone de mouillage sur\u00e9lev\u00e9e pour faciliter les man\u0153uvres<br \/>\nAmortisseur fourni de s\u00e9rie pour d\u00e9charger les rouleaux et assurer un mouillage de nuit plus silencieux<br \/>\nWinchs de remorquage arri\u00e8re b\u00e2bord et tribord pour le remorquage de l&rsquo;arri\u00e8re vers l&rsquo;arri\u00e8re avec une seule commande au pied<\/p>\n<p>&nbsp;<\/p>\n<p>SALLE DES MACHINES<\/p>\n<p>Isolation acoustique et thermique de la cloison et du plafond de la salle des machines.<\/p>\n<p>Panneaux l\u00e9gers \u00e0 \u00e2me en PRV (polyester renforc\u00e9 de fibres de verre) ou mat\u00e9riau similaire, \u00e0 installer sur la face int\u00e9rieure des r\u00e9servoirs d&rsquo;eau douce b\u00e2bord et tribord afin d&rsquo;isoler l&rsquo;eau douce de la chaleur.<\/p>\n<p>Panneaux d&rsquo;isolation perfor\u00e9s en aluminium thermolaqu\u00e9 blanc sur la cloison et le plafond de la salle des machines.<\/p>\n<p>Rev\u00eatement de sol antid\u00e9rapant en vinyle gris Pirelli.<\/p>\n<p>La salle des machines est \u00e9quip\u00e9e de deux ventilateurs d&rsquo;admission d&rsquo;air \u00e0 courant continu, un \u00e0 b\u00e2bord et un \u00e0 tribord. Deux (2) ventilateurs d&rsquo;extraction d&rsquo;air CC sont install\u00e9s dans les compartiments arri\u00e8re sup\u00e9rieurs b\u00e2bord et tribord, et l&rsquo;air est \u00e9vacu\u00e9 par des conduits situ\u00e9s dans les niches moul\u00e9es b\u00e2bord et tribord, adjacentes \u00e0 la porte du garage.<\/p>\n<p>Un enrouleur de tuyau d&rsquo;eau douce (manuel) se trouve dans la salle des machines.<\/p>\n<p>L&rsquo;acc\u00e8s \u00e0 la salle des machines se fait par une porte \u00e9tanche (avec un petit hublot rond) depuis la cabine \u00e9quipage, \u00e0 travers la cloison avant de la salle des machines (dans le sens de la longueur), jusqu&rsquo;\u00e0 b\u00e2bord de l&rsquo;axe longitudinal.<\/p>\n<p>Deux (2) panneaux de pont moul\u00e9s en PRV, \u00e0 b\u00e2bord et \u00e0 tribord du cockpit, permettent d&rsquo;acc\u00e9der aux modules avec des marches pour faciliter l&rsquo;entr\u00e9e.<\/p>\n<p>Un (1) panneau de pont moul\u00e9 en PRV, \u00e0 travers la banquette centrale du cockpit, permet d&rsquo;acc\u00e9der \u00e0 la salle de service (ou aux quartiers de l&rsquo;\u00e9quipage, en option). Dans ce cas, l&rsquo;acc\u00e8s \u00e0 la salle des machines est isol\u00e9 de la salle de bain du propri\u00e9taire.<\/p>\n<p>Une (1) trappe de pont moul\u00e9e en PRV, situ\u00e9e juste \u00e0 l&rsquo;ext\u00e9rieur de la porte d&rsquo;entr\u00e9e coulissante du cockpit, facilite l&rsquo;acc\u00e8s \u00e0 la salle des machines pour les outils et les huiles.<\/p>\n<p>V\u00e9rins \u00e0 gaz marins en acier inoxydable pour toutes les trappes de pont.<br \/>\nBalcons de s\u00e9curit\u00e9 en acier inoxydable poli autour des deux moteurs.<br \/>\nUne (1) prise double CA sur la cloison avant.<\/p>\n<p>Huit (8) lampes LED CC dans la salle des machines.<\/p>\n<p>Syst\u00e8me incendie avec alarme et d\u00e9clenchement manuel (voir d\u00e9tails dans la section incendie\/urgence).<\/p>\n<p>Syst\u00e8me de vidange d&rsquo;huile 24 V.<\/p>\n<p>\u00c9LECTRIQUE<\/p>\n<p>G\u00e9n\u00e9rateur &#8211; Onan : Un (1) MDKDS de 29 kW\/60 Hz \u00e0 deux lignes.<\/p>\n<p>G\u00e9n\u00e9rateur refroidi \u00e0 l&rsquo;eau douce avec insonorisation, compteur horaire, arr\u00eat\/d\u00e9marrage \u00e0 distance depuis la cuisine avec fonction de diagnostic. Filtre \u00e0 carburant Racor, silencieux avec s\u00e9parateur gaz\/eau &#8211; \u00e9chappement sur le tableau arri\u00e8re et sortie d&rsquo;eau sous la ligne de flottaison. C\u00e2blage du bateau utilisant le syst\u00e8me de commutation num\u00e9rique BEP Czone.<\/p>\n<p>Syst\u00e8me de contr\u00f4le et de surveillance num\u00e9rique en r\u00e9seau BEP Czone avec \u00e9crans de contr\u00f4le Czone 5&Prime; au poste de pilotage principal et au poste de pilotage inf\u00e9rieur pour la commande de tous les \u00e9quipements CA et CC.<\/p>\n<p>Une (1) station de charge pour iPad dans la cabine principale, c\u00f4t\u00e9 b\u00e2bord, pour la commutation CA\/CC et la surveillance du bateau (iPad non inclus).<\/p>\n<p>Tous les placards suspendus sont \u00e9quip\u00e9s de panneaux d&rsquo;acc\u00e8s au syst\u00e8me Czone et autres \u00e9quipements de service\u00a0; ces panneaux sont amovibles sans outil.<\/p>\n<p>Quatre (4) batteries 12\u00a0V\/930\u00a0CCA \u00e0 faible entretien pour les groupes de d\u00e9marrage moteur individuels \u00e0 24\u00a0V 930\u00a0CCA.<br \/>\nDeux (2) batteries 12\u00a0V\/930\u00a0CCA \u00e0 faible entretien pour le d\u00e9marrage des groupes auxiliaires et du g\u00e9n\u00e9rateur \u00e0 24\u00a0V 930\u00a0CCA.<br \/>\nTrois (3) batteries Li-ion Ultra 24\u00a0V\/5000\u00a0mAh\/180\u00a0Ah fournissant 24\u00a0V 540\u00a0Ah (432\u00a0Ah utilisables) pour le groupe de service.<br \/>\nPompe de cale de secours dans le coffre sous le barbecue \u00e0 l&rsquo;arri\u00e8re.<\/p>\n<p>Syst\u00e8me de couplage de batterie de secours permettant l&rsquo;utilisation de la batterie de d\u00e9marrage moteur. Raccordement des batteries<\/p>\n<p>Un (1) chargeur de batterie Mastervolt Charge Master 24\/30-3 pour les batteries de d\u00e9marrage moteur et auxiliaires<\/p>\n<p>Un (1) chargeur de batterie Mastervolt CM24\/100A. Code produit\u00a0: 440210000 pour les batteries de service<\/p>\n<p>Un (1) convertisseur\/chargeur combin\u00e9 Mastervolt 24\/4000W\/100A pour la charge des batteries de service et l\u2019alimentation de la t\u00e9l\u00e9vision, du syst\u00e8me audio, du lecteur Blu-ray, de la machine \u00e0 gla\u00e7ons et de toutes les prises de bord. Remarque\u00a0: la puissance est limit\u00e9e lors de l\u2019utilisation des prises pendant le fonctionnement du convertisseur\u00a0; veillez \u00e0 ne pas le surcharger<\/p>\n<p>Quatre (4) alternateurs individuels au total, un (1) alternateur suppl\u00e9mentaire de 110\u00a0A par moteur principal d\u00e9di\u00e9 \u00e0 la charge de chaque batterie<\/p>\n<p>Convertisseurs 24\u00a0V vers 12\u00a0V\u00a0:<\/p>\n<p>1 convertisseur CC\/CC 50\u00a0A pour l\u2019alimentation secondaire 12\u00a0V CC de la zone C vers le Mastervolt 24\/12 50\u00a0A COI-09<\/p>\n<p>2 convertisseurs CC\/CC 24\/12 50\u00a0A pour l\u2019alimentation du pont avant et du poste de pilotage JL Amplificateurs audio Mastervolt<\/p>\n<p>Convertisseur CC\/CC 1 x 6 A pour l&rsquo;alimentation 12 V CC du r\u00e9seau Czone et des interfaces ACMI Mastervolt CC Master 24\/12-6<\/p>\n<p>Convertisseur CC\/CC 1 x 6 A pour l&rsquo;alimentation 12 V CC des interfaces d&rsquo;affichage Czone et de l&rsquo;interface sans fil Mastervolt CC Master 24\/12-6 pour \u00e9quipements 12 V<\/p>\n<p>Deux (2) c\u00e2bles d&rsquo;alimentation \u00e0 quai Glendenning 50 A 110\/220 V 60 Hz de 24,4 m (80 pieds) de long chacun<br \/>\n\u00c9clairage LED Lumitec Mirage 24 V CC, blanc chaud, intensit\u00e9 variable via la commande Czone<\/p>\n<p>Deux prises USB sont install\u00e9es au poste de pilotage principal, dans le panneau arri\u00e8re de la console lat\u00e9rale, pour les postes de pilotage Daybridge et inf\u00e9rieur<\/p>\n<p>Six (6) projecteurs sous-marins Lumitec Seablaze Spectrum (4 au tableau arri\u00e8re, 1 \u00e0 b\u00e2bord, 1 \u00e0 tribord)<\/p>\n<p>Coupe-circuit de carburant d&rsquo;urgence sous le plancher de l&rsquo;\u00e9quipage<br \/>\nT\u00e9l\u00e9commande sans fil Glendenning<\/p>\n<p>SYST\u00c8ME DE CARBURANT<\/p>\n<p>Total de Capacit\u00e9 de carburant de 1189 gallons US (4\u00a0500 litres) r\u00e9partie dans trois (3) r\u00e9servoirs\u00a0: un (1) sous la cabine (2\u00a0000 litres), un (1) dans l\u2019aile b\u00e2bord (1\u00a0250 litres) et un (1) dans l\u2019aile tribord (1\u00a0250 litres), situ\u00e9s \u00e0 l\u2019avant de la salle des machines.<\/p>\n<p>Tous les r\u00e9servoirs sont test\u00e9s sous pression et certifi\u00e9s.<\/p>\n<p>Jauges de carburant \u00e9lectroniques au poste de pilotage principal, reli\u00e9es aux \u00e9crans de navigation via les moteurs.<br \/>\nVannes d\u2019arr\u00eat manuelles du carburant \u00e0 l\u2019ext\u00e9rieur de la salle des machines.<\/p>\n<p>Deux (2) indicateurs de niveau de carburant install\u00e9s sur la cloison avant de la salle des machines.<\/p>\n<p>Un (1) pour les r\u00e9servoirs lat\u00e9raux \u00e9quilibr\u00e9s et un (1) pour le r\u00e9servoir central.<\/p>\n<p>Pompe de transfert de carburant (principale et de secours) install\u00e9e sur la face verticale arri\u00e8re du r\u00e9servoir central.<\/p>\n<p>\u00c9QUIPEMENTS D&rsquo;URGENCE ET DE LUTTE CONTRE L&rsquo;INCENDIE<\/p>\n<p>Syst\u00e8me d&rsquo;extinction d&rsquo;incendie Sea Fire avec d\u00e9clencheur manuel au poste de pilotage, dimensionn\u00e9 en cons\u00e9quence.<\/p>\n<p>Syst\u00e8me de surveillance Sea Fire autonome, aliment\u00e9 par la batterie auxiliaire, avec d\u00e9tecteurs de fum\u00e9e et alarmes sonores. Les d\u00e9tecteurs de fum\u00e9e seront install\u00e9s dans la descente avant, la salle des machines\/de l&rsquo;\u00e9quipage, le carr\u00e9 et la cuisine. Un panneau principal unique, discr\u00e8tement int\u00e9gr\u00e9 dans une armoire \u00e0 l&rsquo;avant du poste de pilotage principal, sera reli\u00e9 \u00e0 l&rsquo;\u00e9cran czone. En cas d&rsquo;alarme, l&rsquo;\u00e9cran czone affichera une notification d&rsquo;alarme incendie et activera l&rsquo;\u00e9clairage de secours. Cinq (5) extincteurs portatifs install\u00e9s conform\u00e9ment aux normes (le type d\u00e9pendant de la destination du navire) et une couverture anti-feu dans la cuisine.<\/p>\n<p>Pompe de cale manuelle dans la salle des machines, install\u00e9e dans le meuble barbecue \u00e0 b\u00e2bord arri\u00e8re.<\/p>\n<p>CARACT\u00c9RISTIQUES DU PONT DE COCKPIT<\/p>\n<p>Pont de cockpit, plateforme de bain, marchepieds lat\u00e9raux et couvercles des coffres de rangement\/guindeau en teck.<br \/>\nHaut-parleurs et amplificateur de cockpit aliment\u00e9s par la Zone 2 du r\u00e9cepteur AV Yamaha du carr\u00e9.<br \/>\nQuatre (4) haut-parleurs audio de 7,7 pouces avec grilles blanches classiques.<br \/>\nUn (1) caisson de basses audio de 10 pouces avec grille blanche classique, install\u00e9 \u00e0 l&rsquo;arri\u00e8re du meuble barbecue b\u00e2bord.<br \/>\nUn (1) amplificateur audio 12 V aliment\u00e9 par un convertisseur Mastervolt 24\/12 V.<\/p>\n<p>Pont de cockpit autovideur avec goulottes profondes sur tous les panneaux de pont. Tous les panneaux d&rsquo;\u00e9coutille sont munis de joints en caoutchouc.<\/p>\n<p>Une (1) table pliante en teck sur un pi\u00e9destal fixe en acier inoxydable.<\/p>\n<p>Deux (2) barbecues \u00e9lectriques int\u00e9gr\u00e9s dans le meuble situ\u00e9 \u00e0 b\u00e2bord du pont du cockpit, avec v\u00e9rins \u00e0 gaz, micro-interrupteur sur le couvercle pour la coupure de s\u00e9curit\u00e9, rail ovale en acier inoxydable et \u00e9clairage LED. Inclus : un (1) r\u00e9frig\u00e9rateur \u00e0 tiroir DW100 Vitri Frigo 24 V dans le meuble situ\u00e9 \u00e0 l&rsquo;avant du barbecue, une machine \u00e0 gla\u00e7ons Vitri Frigo IM Classic Hydro P en acier inoxydable (type \u00e0 pulv\u00e9risation, 115 V\/60 Hz, pour les \u00c9tats-Unis) et des rangements suppl\u00e9mentaires.<\/p>\n<p>Tous les si\u00e8ges ext\u00e9rieurs seront \u00e9quip\u00e9s de housses anti-temp\u00eate.<\/p>\n<p>Rangement sous le canap\u00e9 en L \u00e0 tribord.<br \/>\nAcc\u00e8s au garage \u00e0 jouets nautiques par le si\u00e8ge arri\u00e8re.<br \/>\nGlaci\u00e8re sous le si\u00e8ge arri\u00e8re.<br \/>\nEscalier de tableau arri\u00e8re moul\u00e9 \u00e0 b\u00e2bord et \u00e0 tribord avec marches en teck et \u00e9clairage de courtoisie (bandeau lumineux Stella 24 V IP68 10 x 10 mm) mont\u00e9 sous les marches, \u00e0 b\u00e2bord et \u00e0 tribord, permettant l&rsquo;acc\u00e8s \u00e0 la plateforme de bain depuis le cockpit.<br \/>\nGauge de s\u00e9curit\u00e9 elliptique en acier inoxydable autour de la porte du garage et du si\u00e8ge arri\u00e8re.<br \/>\nDeux (2) portillons de tableau arri\u00e8re \u00e9l\u00e9gants en acier inoxydable dans un tube elliptique en acier inoxydable.<br \/>\nUn (1) point de raccordement pour le lavage \u00e0 haute pression \u00e0 l&rsquo;eau douce et une vanne \u00e0 bille dans le coffre sous la marche \u00e0 tribord.<br \/>\n\u00c9clairage ext\u00e9rieur LED Lumitec Mirage Spectrum au-dessus du cockpit.<br \/>\nPare-vent triangulaires en verre tremp\u00e9 transparent. C\u00f4t\u00e9s b\u00e2bord et tribord, entre la structure en PRV et les poteaux ovales incurv\u00e9s en acier inoxydable poli.<br \/>\nProjecteur spot\/flood Maximum sur le m\u00e2t arri\u00e8re du targa. \u00c9clairage du targa int\u00e9gr\u00e9 au hard-top pour illuminer l&rsquo;aile et le m\u00e2t\u00a0: 3 projecteurs Hella 24\u00a0V \u00e0 cerclage plastique blanc.<\/p>\n<p>Armoire de taud en acier inoxydable poli avec rails ovales au-dessus de la banquette arri\u00e8re, recouverte d&rsquo;une toile \u00e0 lacets style Belize.<\/p>\n<p>\u00c9clairage int\u00e9gr\u00e9 dans des bo\u00eetiers arri\u00e8re en acier inoxydable\u00a0: quatre (4) spots Lumitec Rail 2, finition bross\u00e9e, Spectrum.<\/p>\n<p>PLATEFORME DE BAIGNADE<\/p>\n<p>Plateforme de baignade en teck, avec flotteurs lat\u00e9raux et une section \u00e0 hauteur fixe c\u00f4t\u00e9 tribord, incluant un liston en acier inoxydable de 60\u00a0mm. M\u00e9canisme \u00e9lectro-hydraulique de hauteur r\u00e9glable sur les deux tiers de la plateforme (capacit\u00e9 maximale\u00a0: 400\u00a0kg) pour faciliter la mise \u00e0 l&rsquo;eau et la r\u00e9cup\u00e9ration de l&rsquo;annexe. Groupe hydraulique dans la salle des machines<\/p>\n<p>\u00c9chelle de bain en acier inoxydable de haute qualit\u00e9, rang\u00e9e dans un coffre sur la plateforme de bain, c\u00f4t\u00e9 tribord fixe<\/p>\n<p>Douche escamotable avec eau chaude et froide int\u00e9gr\u00e9e \u00e0 l&rsquo;arri\u00e8re, c\u00f4t\u00e9 tribord, pour une utilisation facilit\u00e9e sur la plateforme de bain fixe<\/p>\n<p>Coffres int\u00e9gr\u00e9s \u00e0 b\u00e2bord et \u00e0 tribord abritant deux (2) prises d&rsquo;alimentation \u00e0 quai et une (1) prise d&rsquo;eau de ville avec r\u00e9gulateur<\/p>\n<p>GARAGE \u00c0 JOUETS<\/p>\n<p>Porte de garage \u00e0 jouets \u00e0 ouverture \u00e9lectrique avec double actionneur<\/p>\n<p>Deux (2) \u00e9clairages LED 24 V CC internes et un (1) projecteur Hella Seahawk XLR 24 V CC (lumi\u00e8re blanche et bo\u00eetier blanc) fix\u00e9s sous la porte de garage<\/p>\n<p>Grand tapis de sol souple au-dessus de l&#8217;emplacement du gyroscope (en option) pour l&rsquo;acc\u00e8s \u00e0 la maintenance. Panne souple scell\u00e9e et service d&rsquo;urgence r\u00e9serv\u00e9 au gyrophare<\/p>\n<p>Caract\u00e9ristiques standard (suite)<\/p>\n<p>MOBILIER INT\u00c9RIEUR<\/p>\n<p>Bois de noyer am\u00e9ricain sci\u00e9 sur quartier avec finition vernis satin\u00e9 \u00e0 grain fin<br \/>\nBois sur mesure de conception europ\u00e9enne, associ\u00e9s \u00e0 des tissus, des cuirs et des finitions 2 Pac<br \/>\n\u00c9clairage indirect par bande LED blanc chaud sur tous les lits et les marches<br \/>\n\u00c9clairage indirect par bande LED blanc chaud sur certaines corniches<br \/>\nTout l&rsquo;\u00e9clairage int\u00e9rieur est assur\u00e9 par des LED 24 V CC blanc chaud<br \/>\nToute la literie d\u00e9corative est fournie et install\u00e9e, avec un choix de quatre (4) ensembles<br \/>\nTout l&rsquo;\u00e9clairage int\u00e9rieur au plafond est assur\u00e9 par une nouvelle gamme de luminaires LED Lumitec Mirage blanc chaud<\/p>\n<p>SALON DU PONT PRINCIPAL<\/p>\n<p>Plancher en teck massif \u00e0 joints en V, conforme aux normes du Belize, avec rev\u00eatement antid\u00e9rapant, plateforme de pilotage sur\u00e9lev\u00e9e et zones de cuisine. Moquette dans le salon avec grille en teck \u00e0 l&rsquo;int\u00e9rieur de la porte pantographe b\u00e2bord avec syst\u00e8me d&rsquo;\u00e9vacuation<\/p>\n<p>Canap\u00e9s du salon avec un choix de cinq (5) cuirs italiens haut de gamme, coloris standard<br \/>\nTable \u00e0 manger en noyer finition satin\u00e9e<\/p>\n<p>&nbsp;<\/p>\n<p>CABINE VIP<\/p>\n<p>Deux (2) prises de courant, dont une avec port USB, install\u00e9es de part et d&rsquo;autre du lit, le plus \u00e0 l&rsquo;avant possible.<br \/>\nClimatisation 16\u00a0000 BTU avec climatisation r\u00e9versible dans la salle d&rsquo;eau.<br \/>\nMoquette au sol avec sous-couche de qualit\u00e9.<br \/>\nLit central Queen size \u00e0 l&rsquo;avant avec matelas \u00e0 ressorts de 20 cm.<br \/>\nContours et t\u00eate de lit de style europ\u00e9en.<br \/>\nKit de d\u00e9coration comprenant draps, couvre-lit et oreillers (4 options au choix).<br \/>\nRangement sous le lit central.<br \/>\nTables de chevet en bois, laqu\u00e9 gris et cuir.<br \/>\nDeux (2) lampes de lecture LED.<br \/>\n\u00c9clairage LED blanc chaud sous le lit.<br \/>\nDeux (2) armoires doubl\u00e9es de c\u00e8dre, une \u00e0 b\u00e2bord et une \u00e0 tribord, avec \u00e9clairage LED int\u00e9gr\u00e9 \u00e0 allumage automatique.<br \/>\nDeux (2) hublots ovales fixes avec stores \u00e9lectriques.<br \/>\nUn (1) panneau de pont carr\u00e9 Manship en inox avec store et moustiquaire.<br \/>\nT\u00e9l\u00e9viseur LED intelligent 24 pouces.<br \/>\nSyst\u00e8me st\u00e9r\u00e9o Fusion Apollo 670 avec Bluetooth install\u00e9 dans la penderie tribord et t\u00e9l\u00e9commande ANT+.<br \/>\nDeux (2) Haut-parleurs marins encastr\u00e9s Fusion FM s\u00e9rie 7,7&Prime; 200 W<br \/>\nCoiffeuse et miroir c\u00f4t\u00e9 b\u00e2bord avec si\u00e8ge rabattable<br \/>\nDeux (2) prises de courant, dont une USB, install\u00e9es de chaque c\u00f4t\u00e9 du lit, le plus en avant possible<br \/>\nDeux marches en teck, une de chaque c\u00f4t\u00e9 du lit<br \/>\nQuincaillerie de porte Nautilus avec verrou de s\u00e9curit\u00e9 pour la porte de la cabine<\/p>\n<p>SALLE DE BAIN VIP<\/p>\n<p>Acc\u00e8s direct depuis la cabine VIP<br \/>\nClimatisation ind\u00e9pendante de la cabine VIP<br \/>\nToilettes Tecma Silence Plus 2G DC avec abattant et si\u00e8ge blancs<br \/>\nSalle de bain moul\u00e9e avec siphon p\u00e9riph\u00e9rique, sol en teck amovible et finition gelcoat chaude<br \/>\nGrande douche \u00e0 l&rsquo;italienne avec porte en verre sans cadre, sol en teck amovible et barre de douche chrom\u00e9e<br \/>\nM\u00e9canisme de douche Belize \u00e0 levier unique<br \/>\nMeuble vasque avec miroir et meuble vasque inf\u00e9rieur en noyer sci\u00e9 sur quartier<br \/>\nUn (1) lavabo \u00e0 poser avec un (1) robinet mitigeur haut Belize \u00e0 levier unique, mont\u00e9 sur un plan de travail en marbre l\u00e9ger avec support en aluminium<br \/>\nS\u00e8che-serviettes \u00e9chelle 24 V DC et porte-serviettes s\u00e9par\u00e9<br \/>\nPorte-rouleau de papier toilette et accessoires<br \/>\nUn (1) Extracteur d&rsquo;air<\/p>\n<p>Hublot ouvrant avec alarme et moustiquaire<br \/>\nVitres opaques pour tous les hublots des niches de douche<br \/>\nQuincaillerie de porte Nautilus avec verrou de s\u00e9curit\u00e9 sur la porte de la cabine<\/p>\n<p>CABINE INVIT\u00c9S B\u00c2BORD<\/p>\n<p>Climatisation 8\u00a0000 BTU avec unit\u00e9 de traitement et commande<br \/>\nAcc\u00e8s direct depuis la descente et les toilettes de jour<br \/>\nDeux (2) lits simples d&rsquo;environ deux m\u00e8tres de long avec matelas de 15 cm<br \/>\nLe lit int\u00e9rieur se d\u00e9plie \u00e9lectriquement pour former un lit double et r\u00e9v\u00e8le une table de chevet dissimul\u00e9e<br \/>\nKit de d\u00e9coration comprenant draps, couvre-lits et oreillers (4 options au choix)<br \/>\nMoquette au sol avec sous-couche de qualit\u00e9<br \/>\nTable de chevet simple avec tiroir, finition bois, laque grise et cuir<br \/>\nPension doubl\u00e9e de c\u00e8dre \u00e0 b\u00e2bord, finition noyer sci\u00e9 sur quartier. \u00c9clairage int\u00e9rieur LED \u00e0 allumage automatique<\/p>\n<p>Grand hublot ovale Belize avec hublots ouvrants circulaires int\u00e9gr\u00e9s, \u00e9quip\u00e9s d&rsquo;alarmes et de moustiquaires<br \/>\n\u00c9clairage LED blanc chaud sous le lit<br \/>\nDeux (2) lampes de lecture LED<br \/>\nQuincaillerie de porte Nautilus avec verrou de s\u00e9curit\u00e9 sur la porte de la cabine<\/p>\n<p>SALLE DE BAIN\/TOILETTES DE JOUR C\u00d4T\u00c9 B\u00c2BORD<\/p>\n<p>Meuble vasque avec miroir et meuble vasque bas en noyer sci\u00e9 sur quartier<br \/>\nAcc\u00e8s direct depuis la cabine b\u00e2bord et la descente vers l&rsquo;avant (toilettes de jour)<br \/>\nClimatisation ind\u00e9pendante de la cabine b\u00e2bord<br \/>\nWC Tecma Silence Plus 2G DC avec abattant et lunette blancs<br \/>\nSalle de bain moul\u00e9e avec siphon p\u00e9riph\u00e9rique, sol en teck amovible et finition gelcoat chaud<br \/>\nGrande douche \u00e0 l&rsquo;italienne avec porte en verre sans cadre, sol en teck amovible et barre de douche chrom\u00e9e Methven Escape MKII, mitigeur de douche Belize<br \/>\nUn (1) lavabo sur plan avec robinet mitigeur Belize, mont\u00e9 sur un plan de travail en marbre l\u00e9ger cuit au four aluminium<br \/>\nUn (1) porte-serviettes<br \/>\nPorte-rouleau de papier toilette et accessoires<br \/>\nUn (1) extracteur d&rsquo;air<br \/>\nHublot ouvrant avec alarme et moustiquaire Pare-brise<br \/>\nVitres opaques install\u00e9es sur tous les hublots des douches<br \/>\nQuincaillerie de porte Nautilus avec verrou de confidentialit\u00e9 sur la porte de la cabine<\/p>\n<p>G\u00c9N\u00c9RALIT\u00c9S<\/p>\n<p>Manuel du propri\u00e9taire complet<br \/>\nTraitement thermique appliqu\u00e9 \u00e0 l&rsquo;int\u00e9rieur du pare-brise pour r\u00e9duire la chaleur<br \/>\nVitres opaques install\u00e9es sur tous les hublots des douches<br \/>\nTous les placards suspendus sont \u00e9quip\u00e9s de panneaux d&rsquo;acc\u00e8s \u00e0 la zone de climatisation et autres \u00e9quipements de service\u00a0; ces panneaux sont amovibles sans outil<\/p>\n<p>Configuration Siren 3 Pro\u00a0:<\/p>\n<p>&#8211; Abonnement de 24\u00a0mois inclus (renouvellement possible par la suite, \u00e0 la discr\u00e9tion du propri\u00e9taire\u00a0; Siren Marine le contactera pour le renouvellement)<\/p>\n<p>&#8211; Siren Marine utilise le r\u00e9seau 4G selon la r\u00e9gion. La surveillance fonctionne uniquement en zone de couverture r\u00e9seau.<\/p>\n<p>&#8211; Module Siren 3 Pro<\/p>\n<p>&#8211; Relais d&rsquo;alimentation \u00e0 quai install\u00e9 dans le panneau ACMI pour d\u00e9tecter l&rsquo;alimentation sur le circuit du chargeur de service.<\/p>\n<p>&#8211; Sonde de temp\u00e9rature sans fil install\u00e9e dans l&rsquo;une des gaines de retour d&rsquo;air de la climatisation du carr\u00e9, accessible apr\u00e8s retrait de la grille. Retirez la sonde de temp\u00e9rature amovible.<\/p>\n<p>&#8211; Sonde de cale sans fil connect\u00e9e \u00e0 la pompe de cale de la salle des machines. &#8211; Capteur de cale sans fil connect\u00e9 \u00e0 la pompe de cale arri\u00e8re.<\/p>\n<p>&#8211; Capteur de cale sans fil connect\u00e9 \u00e0 la pompe de cale avant, directement devant la cuve \u00e0 eaux noires.<\/p>\n<p>&#8211; D\u00e9tecteur de mouvement infrarouge install\u00e9 au-dessus de la porte de la cloison arri\u00e8re, dans le carr\u00e9\/cuisine.<\/p>\n<p>&nbsp;<\/p>\n<p>HOUSSES ANTI-TEMP\u00caTE<\/p>\n<p>Housse anti-temp\u00eate pour le tableau de bord du Day Bridge<br \/>\nTrois (3) housses anti-temp\u00eate individuelles pour les si\u00e8ges de pilotage<br \/>\nDeux (2) housses anti-temp\u00eate pour le bar<br \/>\nDeux (2) housses pour les banquettes<br \/>\nHousse pour la table du Day Bridge<br \/>\nHousse anti-temp\u00eate pour le tableau de bord<br \/>\nHousse pour le pare-brise du passage couvert<br \/>\nHousse pour le bain de soleil avant<br \/>\nHousse pour la table du cockpit<br \/>\nHousse pour le si\u00e8ge arri\u00e8re du cockpit et housse pour la banquette en L<\/p>\n<p>DAY BRIDGE<\/p>\n<p>Escalier d&rsquo;acc\u00e8s facile en teck et inox au Day Bridge, c\u00f4t\u00e9 b\u00e2bord, adjacent \u00e0 la cuisine<br \/>\nPanneau de pont en inox au-dessus de l&rsquo;escalier menant au Day Bridge, c\u00f4t\u00e9 b\u00e2bord de la cuisine, avec panneau noirci<br \/>\nRev\u00eatement de sol antid\u00e9rapant dans tout le Day Bridge, avec moquette ext\u00e9rieure \u00e0 bords ourl\u00e9s, install\u00e9e du plancher arri\u00e8re des si\u00e8ges de pilotage jusqu&rsquo;aux meubles du bar<br \/>\nRouleaux de s\u00e9curit\u00e9 ovales en inox install\u00e9s autour du bar du Day Bridge et \u00e0 des endroits strat\u00e9giques<br \/>\nDeux (2) banquettes en L confortables<br \/>\nHard-top \u00e9quip\u00e9 d&rsquo;un \u00e9clairage LED bleu\/blanc Lumitec Mirage Spectrum avec enjoliveurs en inox<br \/>\nToit r\u00e9tractable \u00e9lectrique Webasto (environ Unit\u00e9 de 3 m de long sur 2,4 m de large int\u00e9gr\u00e9e au hard-top au-dessus du poste de pilotage.<\/p>\n<p>Taud arri\u00e8re r\u00e9tractable \u00e9lectrique Sure Shade int\u00e9gr\u00e9 au hard-top pour ombrager le pont arri\u00e8re si n\u00e9cessaire.<\/p>\n<p>Table de pont c\u00f4t\u00e9 b\u00e2bord, sur pied fixe, avec plateau en teck brillant rabattable, porte-gobelets et main courante.<\/p>\n<p>Grand bar comprenant\u00a0:<\/p>\n<p>*Deux r\u00e9frig\u00e9rateurs Vitro Frigo Drawer 24\u00a0V, un \u00e0 b\u00e2bord et un \u00e0 tribord.<\/p>\n<p>*Machine \u00e0 gla\u00e7ons Vitro Frigo IM Classic Hydro (220\u00a0V 50\u00a0Hz) ou IM Classic Hydro (115\u00a0V 60\u00a0Hz).<\/p>\n<p>*\u00c9vier avec robinet mitigeur.<\/p>\n<p>*Poubelle amovible.<\/p>\n<p>*Un tiroir dans le meuble bar tribord au-dessus du r\u00e9frig\u00e9rateur.<\/p>\n<p>*Plan de travail Staron int\u00e9gr\u00e9 dans les meubles bar b\u00e2bord et tribord.<\/p>\n<p>Un si\u00e8ge de pilotage London Captains individuel avec pied \u00e9lectrique en inox poli, r\u00e9glable en hauteur, en profondeur et en inclinaison. Finition cuir haut de gamme avec repose-pieds rabattable et joystick de direction int\u00e9gr\u00e9 \u00e0 l&rsquo;accoudoir tribord.<br \/>\nAcc\u00e8s ais\u00e9 entre le si\u00e8ge de pilotage principal et le si\u00e8ge passager tribord.<br \/>\nGrand pare-brise efficace avec capuchon sup\u00e9rieur ovale en acier inoxydable poli.<br \/>\nProjecteur Lumitec (spot\/projecteur) \u00e0 l&rsquo;arri\u00e8re du m\u00e2t.<br \/>\nRobinet d&rsquo;eau douce sous le bar, dans le coffre. \u00c9clairage de courtoisie LED bleu autour du day bridge. \u00c9clairage LED blanc chaud pour l&rsquo;escalier int\u00e9rieur du day bridge.<br \/>\nClimatisation de 24\u00a0000 BTU install\u00e9e sous le poste de pilotage, diffusant de l&rsquo;air par les a\u00e9rateurs du tableau de bord (visant \u00e0 cr\u00e9er une brise fra\u00eeche, non \u00e0 refroidir l&rsquo;espace).<br \/>\nPont en teck sous les si\u00e8ges de pilotage.<br \/>\nDeux si\u00e8ges de pilotage London Helm mont\u00e9s sur deux pi\u00e9destaux fixes en acier inoxydable poli. Finitions en cuir haut de gamme et repose-pieds rabattables<\/p>\n<p>ESPACE REPAS ET SALON<\/p>\n<p>&#8211; Large bouche d&rsquo;a\u00e9ration discr\u00e8te int\u00e9gr\u00e9e au tableau de bord pour une ventilation optimale de l&rsquo;espace repas<\/p>\n<p>&#8211; Grand coin repas avec deux chaises suppl\u00e9mentaires (3 au total, bureau inclus)<\/p>\n<p>&#8211; Table de repas pliante en noyer (facile d&rsquo;acc\u00e8s hors utilisation) avec 4 pieds ovales en acier inoxydable poli<\/p>\n<p>&#8211; T\u00e9l\u00e9viseur intelligent 55&Prime; \u00e0 b\u00e2bord, au pied de l&rsquo;escalier du day bridge<\/p>\n<p>&#8211; Syst\u00e8me de levage \u00e9lectrique pour le t\u00e9l\u00e9viseur et t\u00e9l\u00e9commande<\/p>\n<p>&#8211; Meuble audio-vid\u00e9o pouvant accueillir un r\u00e9cepteur AV, un lecteur Blu-ray, une Apple TV, un commutateur r\u00e9seau LAN et un d\u00e9codeur satellite (en option), install\u00e9 sous l&rsquo;escalier du day bridge, \u00e0 l&rsquo;avant du r\u00e9frig\u00e9rateur \u00e0 tiroirs \u00e0 b\u00e2bord<\/p>\n<p>&#8211; Banquette tribord avec pouf<\/p>\n<p>DAY BRIDGE &#8211; POSTE DE PILOTAGE<\/p>\n<p>Deux (2) \u00e9crans Garmin Glass Bridge MFD 8422 (22&Prime;) sur les tableaux de bord b\u00e2bord et tribord<\/p>\n<p>Un (1) \u00e9cran Garmin Glass Bridge MFD 8417 (17&Prime;) sur la console centrale, avec affichage complet des instruments moteur<\/p>\n<p>Cam\u00e9ras visibles \u00e0 travers le glass bridge \u00c9crans multifonctions<\/p>\n<p>*Un (1) d\u00f4me infrarouge Iris dans la salle des machines<\/p>\n<p>*Un (1) d\u00f4me infrarouge Iris sur la cloison avant du cockpit<\/p>\n<p>*Un (1) d\u00f4me encastr\u00e9 dans la plaque d&rsquo;\u00e9trave en acier inoxydable poli, au-dessus de l&rsquo;ancre<\/p>\n<p>*Un (1) d\u00f4me infrarouge Iris mont\u00e9 sur le surplomb structurel \u00e0 l&rsquo;arri\u00e8re du cockpit pour la surveillance de la plateforme de bain<\/p>\n<p>*Toutes les cam\u00e9ras sont connect\u00e9es de s\u00e9rie \u00e0 un serveur IP AXIS, aliment\u00e9 par une alimentation 12 V.<\/p>\n<p>Commande secondaire VHF Garmin 315 avec antenne Shakespeare de 2,4 m et support en acier inoxydable sur le hard-top.<\/p>\n<p>\u00c9cran de contr\u00f4le Czone 5&Prime; pour la commutation AC\/DC et la surveillance du navire.<\/p>\n<p>Compteur de cha\u00eene de guindeau Muir et commande de largage install\u00e9s.<\/p>\n<p>Interrupteurs marche\/arr\u00eat du moteur.<\/p>\n<p>Tableau de bord ergonomique avec porte-gobelets et commandes. Tableau de bord peint en gris fonc\u00e9 brillant pour s&rsquo;harmoniser avec le cadre du pare-brise du pont inf\u00e9rieur.<\/p>\n<p>Commande d&rsquo;\u00e9clairage int\u00e9rieur.<br \/>\nCommande d&rsquo;\u00e9clairage de courtoisie.<br \/>\nVolant Belize de haute qualit\u00e9.<br \/>\nCommandes \u00e9lectroniques et joystick (y compris la direction par joystick sur l&rsquo;accoudoir du si\u00e8ge de barre tribord).<br \/>\nSyst\u00e8me st\u00e9r\u00e9o JL Audio, quatre (4) haut-parleurs JL Audio, caisson de basses de 25 cm et t\u00e9l\u00e9commande.<br \/>\nUn (1) si\u00e8ge de barre \u00e9lectrique avec r\u00e9glages avant\/arri\u00e8re, hauteur et inclinaison.<br \/>\nT\u00e9l\u00e9commande Garmin (GRID) mont\u00e9e \u00e0 gauche du si\u00e8ge de barre avec commandes des gaz.<br \/>\nCommande d&rsquo;avertisseur sonore.<br \/>\nProjecteur LED Golight 24 V avec panneau de commande c\u00e2bl\u00e9 et support pour t\u00e9l\u00e9commande sans fil au poste de pilotage.<br \/>\nDeux (2) tachym\u00e8tres ronds pour la surveillance du r\u00e9gime moteur b\u00e2bord et tribord et les alarmes syst\u00e8me, situ\u00e9s en haut au centre du tableau de bord.<br \/>\nLogo Belize r\u00e9tro\u00e9clair\u00e9 devant les cadrans centraux ronds du tableau de bord.<br \/>\nCompas magn\u00e9tique h\u00e9misph\u00e9rique appropri\u00e9 install\u00e9 en fonction de l&rsquo;h\u00e9misph\u00e8re.<\/p>\n<p>GARANTIE<\/p>\n<p>Riviera s&rsquo;engage, \u00e0 sa discr\u00e9tion et sous r\u00e9serve des conditions g\u00e9n\u00e9rales de la Garantie Limit\u00e9e Riviera, \u00e0 remplacer ou r\u00e9parer les d\u00e9fauts de fabrication ou de mat\u00e9riaux pendant les 2 premi\u00e8res ann\u00e9es ou 800 heures (au premier terme \u00e9chu) pour la garantie non structurelle et pendant 7 ans ou 2\u00a0800 heures (au premier terme \u00e9chu) pour la garantie structurelle, \u00e0 compter de la date de livraison au premier acheteur.<\/p>\n<p>\u00c9quipements optionnels et personnalisations<\/p>\n<p>MOTEURS, TRANSMISSION ET DIRECTION<\/p>\n<p>Deux moteurs diesel Volvo IPS D13 1350 (735 kW\/1\u00a0000 ch) avec mode basse vitesse, DPS, pilote automatique, ACP, commandes \u00e0 double levier (une par poste de pilotage) et 4 joysticks. \u00c9crans Glass Bridge avec contr\u00f4leur GRID pour chaque poste de pilotage, \u00e9chappement \u00e0 sillage transparent et trim automatique.<\/p>\n<p>Garantie Volvo Penta 5 ans\/2000 heures (voir le site web de VP pour plus de d\u00e9tails).<\/p>\n<p>OPTIONS<\/p>\n<p>Propulseur d&rsquo;\u00e9trave Side Power SEP250 TCi \u00e0 variateur de vitesse proportionnel, 24 V CC. Deux h\u00e9lices contrarotatives \u00e0 5 pales. Embase \u00e9tanche. Tunnel de 300 mm. Commandes aux postes de pilotage et arri\u00e8re b\u00e2bord\/tribord via un panneau de commande Joystick S-Link avec fonction de maintien et \u00e9cran LCD 12\/24 V.<\/p>\n<p>RANGEMENT POUR ANNEXE<\/p>\n<p>Longueur hors-tout de l&rsquo;annexe : 3,8 m (12 pi 6 po) maximum. Poids maximal en charge : 360 kg (795 lb).<\/p>\n<p>Berceaux pour annexe :<\/p>\n<p>Un ensemble de berceaux amovibles en acier inoxydable 316 poli miroir, mont\u00e9s sur rails transversaux coulissants avec but\u00e9es \u00e0 ressort et leviers, adapt\u00e9s \u00e0 l&rsquo;annexe Brig Falcon 380 fournie par le propri\u00e9taire. Fixations encastr\u00e9es pour plateforme de bain incluses. Profil de coque de l&rsquo;annexe pr\u00e9vue \u00e0 confirmer lors de la soumission de la liste de construction, si des cales coulissantes optionnelles sont s\u00e9lectionn\u00e9es (celles-ci sont fabriqu\u00e9es sur mesure).<\/p>\n<p>OPTIONS D&rsquo;AM\u00c9NAGEMENT<\/p>\n<p>Am\u00e9nagement Pr\u00e9sidentiel Grande : 3 cabines avec salon inf\u00e9rieur et salle de bain principale \u00e0 l&rsquo;arri\u00e8re.<\/p>\n<p>&#8211; Toilettes Tecma Silence Plus 2G DC avec si\u00e8ge et couvercle blancs.<\/p>\n<p>&#8211; Un (1) climatiseur de 8\u00a0000 BTU install\u00e9 et raccord\u00e9 \u00e0 la grille de ventilation au plafond.<\/p>\n<p>&#8211; Meuble-lavabo avec miroir et meuble-lavabo inf\u00e9rieur en noyer sci\u00e9 sur quartier, avec plan de travail en marbre l\u00e9ger sur support aluminium, centr\u00e9.<\/p>\n<p>&#8211; Deux (2) hublots ronds ouvrants avec alarme et moustiquaire. Un (1) hublot b\u00e2bord et un (1) hublot tribord<\/p>\n<p>&#8211; Store manuel sur le hublot tribord<\/p>\n<p>&#8211; Vitrage opaque sur tous les hublots des niches de douche<\/p>\n<p>&#8211; Salle de bain moul\u00e9e avec \u00e9vacuation p\u00e9riph\u00e9rique, plancher en teck amovible et finition gelcoat chaleureuse<\/p>\n<p>&#8211; Un (1) lavabo sur plan avec un (1) mitigeur Belize \u00e0 levier unique sur un plan de toilette l\u00e9ger en marbre avec support en aluminium<\/p>\n<p>&#8211; Un (1) s\u00e8che-serviettes chauffant 24 V CC de type \u00e9chelle, fix\u00e9 \u00e0 la cloison arri\u00e8re<\/p>\n<p>&#8211; Porte-papier toilette et accessoires<\/p>\n<p>&#8211; Deux (2) extracteurs d&rsquo;air<\/p>\n<p>&#8211; Quincaillerie de porte Nautilus avec verrou de confidentialit\u00e9 sur les portes de salle de bain avant et arri\u00e8re<\/p>\n<p>&#8211; Grande douche \u00e0 l&rsquo;italienne avec porte en verre sans cadre, plancher en teck amovible et barre chrom\u00e9e avec douchette<\/p>\n<p>&#8211; Un (1) grand hublot ovale dans le carr\u00e9 tribord inf\u00e9rieur avec alarme et moustiquaire int\u00e9gr\u00e9es<\/p>\n<p>&#8211; Lave-linge et s\u00e8che-linge situ\u00e9s derri\u00e8re la cabine principale pleine largeur<\/p>\n<p>AVERTISSEMENT<\/p>\n<p>Les sp\u00e9cifications de ce document ne sont ni compl\u00e8tes ni d\u00e9finitives et peuvent \u00eatre modifi\u00e9es sans pr\u00e9avis. Elles peuvent \u00e9galement ne pas \u00eatre \u00e0 jour. Riviera Australia Pty Ltd d\u00e9cline toute responsabilit\u00e9 (contractuelle, d\u00e9lictuelle ou autre) pour toute perte r\u00e9sultant de l&rsquo;inexactitude des informations contenues dans ce document.<\/p>\n<p>Avertissement relatif \u00e0 la juridiction\u00a0: ce navire est construit pour \u00eatre utilis\u00e9 dans le pays o\u00f9 il est vendu et pourrait ne pas \u00eatre conforme aux exigences r\u00e9glementaires ou adapt\u00e9 \u00e0 une utilisation dans d&rsquo;autres juridictions.<\/p>\n<p>Livraison FOB Kaohsiung.<\/p>\n<p>La gestion de l&rsquo;alimentation \u00e9lectrique est de la responsabilit\u00e9 du propri\u00e9taire du navire, qui doit tenir compte du nombre, du type et de la tension des appareils utilis\u00e9s. Riviera d\u00e9cline toute responsabilit\u00e9 en cas de probl\u00e8mes d&rsquo;alimentation \u00e9lectrique caus\u00e9s par une gestion inad\u00e9quate de l&rsquo;\u00e9nergie. Riviera fournit des informations compl\u00e9mentaires sur la gestion de l&rsquo;\u00e9nergie dans le manuel du propri\u00e9taire, notamment sur l&rsquo;impact des charges sur l&rsquo;utilisation des batteries, le d\u00e9lestage et l&rsquo;utilisation optimale du g\u00e9n\u00e9rateur.<\/p>\n<p>GARMIN<\/p>\n<p>AIS<br \/>\n\u00c9metteur-r\u00e9cepteur Garmin AIS 800 avec antenne GPS\/GLONASS GA 38 &#8211; R\u00e9ception et transmission AIS avec r\u00e9partiteur d&rsquo;antenne VHF interne (num\u00e9ro MMSI requis)<\/p>\n<p>\u00c9CLAIRAGE<\/p>\n<p>\u00c9clairage sous-marin<br \/>\nLumitec SeaBlaze X2 Bleu\/Blanc (4 x tableau arri\u00e8re, 1 x b\u00e2bord, 1 x tribord)<\/p>\n<p>OPTIONS PERSONNALIS\u00c9ES<\/p>\n<p>Toit ouvrant \u00e9lectrique Webasto Deluxe en tissu &#8211; Tissu ext\u00e9rieur Daybridge Sunbrella Plus naturel 4604-0000<\/p>\n<p>2 peignoirs kimono gaufr\u00e9s &#8211; Gris KASSATEX<\/p>\n<p>2 serviettes de plage &#8211; Fouta \u00e0 rayures KASSATEX, 1 fouta indigo, 1 fouta lin<\/p>\n<p>Kit de cuisson \u00e0 induction<\/p>\n<p>Couverts et vaisselle &#8211; 10 personnes<\/p>\n<p>Si\u00e8ges de pilotage Flybridge &#8211; Rev\u00eatement Coast Dolphin 640-6508 passepoil\u00e9 Distressed Stone 421-3578 Ultra cuir<\/p>\n<p>Entourage de lit &#8211; Mod\u00e8le de d\u00e9monstration Mastic et rev\u00eatement Ultraleather effet pierre vieillie<br \/>\nRev\u00eatements muraux et t\u00eates de lit &#8211; D\u00e9molition du mastic<br \/>\nPlans de travail des toilettes &#8211; Marbre Crema Marfi<br \/>\nInstallation du stabilisateur gyroscopique Seakeeper M18<br \/>\nSalles de toilette couleur sable<br \/>\nSi\u00e8ge de pilotage int\u00e9rieur &#8211; Cuir CANAPA 199 avec passepoil vinyle PLUSH MOREL &#8211; Couleur des coutures Armann Serafil 324<br \/>\nPlan de travail de la cuisine en Caesarstone BIANCO DRIFT<br \/>\nPlans de travail du flybridge en Corian RIVER PEARL<br \/>\nPlan de travail ext\u00e9rieur du cockpit en Caesarstone BIANCO DRIFT<br \/>\nZone de rangement arri\u00e8re &#8211; Modification pour le rangement d&rsquo;un kayak avec barre de support en acier inoxydable<br \/>\nInstallation du syst\u00e8me d&rsquo;assistance au quai<\/p>\n<p>&nbsp;<\/p>\n<\/div>\n<\/div>\n<\/div>\n<div>\n<div class=\"html-content-description\">\n<p><strong><span style=\"color: black;\">AVIS DE NON-RESPONSABILIT\u00c9<\/span><\/strong><\/p>\n<p><strong><span style=\"color: black; font-weight: normal;\">Le bateau qui est pr\u00e9sent\u00e9 sur cette page, l\u2019est uniquement \u00e0 titre d\u2019information et n\u2019est pas n\u00e9cessairement toujours disponible \u00e0 la vente et\/ou \u00e0 la location.<\/span><\/strong><span class=\"apple-converted-space\"><b><span style=\"color: black;\">\u00a0<\/span><\/b><\/span><strong><span style=\"color: black; font-weight: normal;\">Ce bateau est peut-\u00eatre offert sous r\u00e9serve, il faut v\u00e9rifier sa disponibilit\u00e9.<\/span><\/strong><span class=\"apple-converted-space\"><b><span style=\"color: black;\">\u00a0<\/span><\/b><\/span><strong><span style=\"color: black; font-weight: normal;\">\u00a0Ce document ou cette annonce n\u2019est pas contractuel. Les informations sur les bateaux affich\u00e9es dans les r\u00e9sultats ci-dessus sont pr\u00e9sent\u00e9es en toute bonne foi et, bien qu\u2019elles soient consid\u00e9r\u00e9es comme correctes, elles ne sont pas garanties. Ita Yachts Canada ne garantit pas et n\u2019assume aucune responsabilit\u00e9 l\u00e9gale ou responsabilit\u00e9 pour l\u2019exactitude, l\u2019exhaustivit\u00e9 ou l\u2019utilit\u00e9 des informations et\/ou des images affich\u00e9es, car elles peuvent ne pas \u00eatre \u00e0 jour ou encore \u00eatres des images d\u2019un bateau comparable. Toutes les informations sur les bateaux peuvent \u00eatre modifi\u00e9es sans pr\u00e9avis et sont sans garantie.<\/span><\/strong><span class=\"apple-converted-space\"><b><span style=\"color: black;\">\u00a0<\/span><\/b><\/span><strong><span style=\"color: black; font-weight: normal;\">Ce bateau est peut-\u00eatre offert par un autre courtier ouvert au co-courtage (co-brokerage).<\/span><\/strong><\/p>\n<p>&nbsp;<\/p>\n<div data-test='contact-form'\n\t\t\tid='contact-form-292537'\n\t\t\tclass='jetpack-contact-form-container '\n\t\t\tdata-wp-interactive='jetpack\/form' data-wp-context='{\"formId\":\"292537\",\"formHash\":\"51d5239c7a24580a1243da38007f504a64bfdde3\",\"showErrors\":false,\"errors\":[],\"fields\":[],\"isMultiStep\":false,\"useAjax\":false,\"submissionData\":null,\"formattedSubmissionData\":[],\"submissionSuccess\":false,\"submissionError\":null,\"elementId\":\"jp-form-51d5239c7a24580a1243da38007f504a64bfdde3\",\"isSingleInputForm\":false,\"isForcedHorizontal\":false}'\n\t\t\tdata-wp-watch--scroll-to-wrapper=\"callbacks.scrollToWrapper\"\n\t\t>\n<div class=\"contact-form-submission contact-form-ajax-submission\" data-wp-bind--aria-hidden=\"state.isSuccessMessageAriaHidden\" data-wp-class--submission-success=\"context.submissionSuccess\" id=\"contact-form-success-51d5239c7a24580a1243da38007f504a64bfdde3\" tabindex=\"-1\" aria-labelledby=\"contact-form-success-header-51d5239c7a24580a1243da38007f504a64bfdde3\"><p class=\"go-back-message\"><a class=\"link\" role=\"button\" tabindex=\"0\" data-wp-on--click=\"actions.goBack\" href=\"\/fr\/wp-json\/wp\/v2\/listing\/292537\">\u2190 Retour<\/a><\/p><h4 data-wp-bind--aria-hidden=\"state.isSuccessMessageAriaHidden\" id=\"contact-form-success-header-51d5239c7a24580a1243da38007f504a64bfdde3\">Merci pour votre r\u00e9ponse. \u2728<\/h4>\n\n<template data-wp-each--submission=\"context.formattedSubmissionData\">\n\t\t\t\t\t<div class=\"jetpack_forms_contact-form-success-summary\">\n\t\t\t\t\t\t<div class=\"field-name-wrapper\">\n\t\t\t\t\t\t\t<div class=\"field-type-icon\" data-wp-watch=\"callbacks.watchFieldTypeIcon\"><\/div>\n\t\t\t\t\t\t\t<div class=\"field-name\" data-wp-text=\"context.submission.label\" data-wp-bind--hidden=\"!context.submission.label\"><\/div>\n\t\t\t\t\t\t<\/div>\n\t\t\t\t\t\t<div class=\"field-value\" data-wp-text=\"context.submission.value\" data-wp-bind--hidden=\"!context.submission.showPlainValue\"><\/div>\n\t\t\t\t\t\t<a class=\"field-url\" data-wp-bind--href=\"context.submission.url\" data-wp-text=\"context.submission.value\" data-wp-bind--hidden=\"!context.submission.url\" target=\"_blank\" rel=\"noopener noreferrer\"><\/a>\n\t\t\t\t\t\t<div class=\"field-rating\" data-wp-bind--hidden=\"!context.submission.rating\" data-wp-watch=\"callbacks.watchRatingIcons\"><\/div>\n\t\t\t\t\t\t<div class=\"field-images\" data-wp-bind--hidden=\"!context.submission.images\">\n\t\t\t\t\t\t\t<template data-wp-each--image=\"context.submission.images\">\n\t\t\t\t\t\t\t\t<div class=\"field-image-option\" data-wp-class--is-empty=\"!context.image.src\">\n\t\t\t\t\t\t\t\t\t<figure class=\"field-image-option__image\" data-wp-class--is-empty=\"!context.image.src\">\n\t\t\t\t\t\t\t\t\t\t<img data-wp-bind--src=\"context.image.src\" data-wp-bind--hidden=\"!context.image.src\" \/>\n\t\t\t\t\t\t\t\t\t\t<img decoding=\"async\" src=\"data:image\/gif;base64,R0lGODlhAQABAAD\/ACwAAAAAAQABAAACADs=\" data-wp-bind--hidden=\"context.image.src\" \/>\n\t\t\t\t\t\t\t\t\t<\/figure>\n\t\t\t\t\t\t\t\t\t<div class=\"field-image-option__label-wrapper\">\n\t\t\t\t\t\t\t\t\t\t<span class=\"field-image-option__label-code\" data-wp-text=\"context.image.letterCode\"><\/span>\n\t\t\t\t\t\t\t\t\t\t<span class=\"field-image-option__label\" data-wp-text=\"context.image.label\" data-wp-bind--hidden=\"!context.image.label\"><\/span>\n\t\t\t\t\t\t\t\t\t<\/div>\n\t\t\t\t\t\t\t\t<\/div>\n\t\t\t\t\t\t\t<\/template>\n\t\t\t\t\t\t<\/div>\n\t\t\t\t\t\t<div class=\"field-files\" data-wp-bind--hidden=\"!context.submission.files\">\n\t\t\t\t\t\t\t<template data-wp-each--file=\"context.submission.files\">\n\t\t\t\t\t\t\t\t<div class=\"field-file\">\n\t\t\t\t\t\t\t\t\t<div class=\"field-file__thumbnail\" data-wp-style--background-image=\"context.file.previewUrl\" data-wp-style--mask-image=\"context.file.iconUrl\" data-wp-bind--hidden=\"!context.file.hasPreview\"><\/div>\n\t\t\t\t\t\t\t\t\t<svg class=\"field-file__icon\" data-wp-bind--hidden=\"context.file.hasPreview\" width=\"20\" height=\"20\" viewBox=\"0 0 24 24\" fill=\"none\" xmlns=\"http:\/\/www.w3.org\/2000\/svg\" aria-hidden=\"true\">\n\t\t\t\t\t\t\t\t\t\t<path d=\"M14 2H6C4.9 2 4 2.9 4 4V20C4 21.1 4.89 22 5.99 22H18C19.1 22 20 21.1 20 20V8L14 2ZM18 20H6V4H13V9H18V20Z\" fill=\"currentColor\"\/>\n\t\t\t\t\t\t\t\t\t<\/svg>\n\t\t\t\t\t\t\t\t\t<span class=\"field-file__name\" data-wp-text=\"context.file.name\"><\/span>\n\t\t\t\t\t\t\t\t\t<span class=\"field-file__size\" data-wp-text=\"context.file.size\"><\/span>\n\t\t\t\t\t\t\t\t<\/div>\n\t\t\t\t\t\t\t<\/template>\n\t\t\t\t\t\t<\/div>\n\t\t\t\t\t<\/div>\n\t\t\t\t<\/template><\/div><form action='https:\/\/itayachtscanada.com\/fr\/listing\/belize-66-daybridge-2025-3945000-usd-for-sale\/'\n\t\t\t\tid='jp-form-51d5239c7a24580a1243da38007f504a64bfdde3'\n\t\t\t\tmethod='post'\n\t\t\t\tclass='contact-form commentsblock jetpack-contact-form__form has-no-jetpack-form-layout' aria-label=\"{:en}Belize 66 Daybridge 2025 $3,945,000 usd for sale{:}{:fr}Belize 66 Daybridge 2025 \u00e0 vendre $ 3\u00a0945\u00a0000 USD{:}\"\n\t\t\t\tdata-wp-on--submit=\"actions.onFormSubmit\"\n\t\t\t\tdata-wp-on--reset=\"actions.onFormReset\"\n\t\t\t\tdata-wp-class--submission-success=\"context.submissionSuccess\"\n\t\t\t\tdata-wp-class--is-first-step=\"state.isFirstStep\"\n\t\t\t\tdata-wp-class--is-last-step=\"state.isLastStep\"\n\t\t\t\tdata-wp-class--is-ajax-form=\"context.useAjax\"\n\t\t\t\tnovalidate >\n<input type='hidden' name='jetpack_contact_form_jwt' value='eyJ0eXAiOiJKV1QiLCJhbGciOiJIUzI1NiJ9.eyJlbmNyeXB0ZWRfYXR0cmlidXRlcyI6Inh2d1BUSVNiVDVOay9rYkQxSEY0dm91QThtTmhMRUI4dXhoOFhvcWdJTnhDaUtzRi9mRk9GQVcvT3M0WjU0VXY2bldTTXphMnZrcE9kV255U2Z4SlFpVGkvUktzYThhWGdBT2pWeENpMGpwVGtKc0NJbVFNOGx2K2Q2MmxqdDViWmRqRWFKRUovTTNxOThJYlIyZjd3Vjg0SHR3Umtnd2trRTJwSVU1MEZUWWVEcHVUTzQ1RC9uaUpVeE9BK0JuNEpGZ0YyR0hYRlFkb3dCWmM0SWpyNjB1TmFleHdPQmJISXphSEtxM0JlTFdhdzNiS05PZVJyZmxuRlZISkJGUzBtSmpndDBqTWg5cGlnbnQ0aFdzMVZSVXhXZVBIL1FkSDBiT05wY1ZKREdOZCttOU83RjVxcGxtY0p3V05TQXRuSnRrL055UXZETTl1RDNhd1dXUUs0QzhId1NUa2l1SWlaaGlqU00rR0hsUEFmcU8zV3ZUNHM0U2FpQmV4dm0rV2pnNXFzeklIYW1LekM3Qlhsa0dWYkp4VnNNOUxtZWtSc21qRHRkc0RtTEQrN01vTnFkTHFTVXhNS0J4THRvQWFESmZBamN2REJvdVdEV2ozV3VXK2xlS0lYMEV3ZGRMZGs4bG1RaDVRM2NwWFFQWmtaZjlVTXloMmJTSlp6SnhUNUFrWUN4aXl5dHkrYjhjZ2VMNGVRMjBmeVE5ekdYRE05bVhmT0ZzNnI0akVVSEtVMUl6YmZibzhXR0NLM0laOU8xaXI0UXlYSHpxV0RJWTZpVTgxRElQNkgyNzNmSStRQ1N5M2IxZndPWEkxZ2EraDlvY0JXS2tXTk41Q2lVS2J1K1hyY3JId2JiVG9uWkNIWGVIcitBS2ZCRU9hS2k3N1lXYVB0dzlveitlemdJalVHaUlUakRXRVFpdlA0RC9yL1ZySGlaU1YybG0vdEc1aFZOV01CSVk1OVI0L3kza2llajI2WllSUlhvb0xSOXpIeXNCbkN0YWZ5NG15OEw4V1dyK1NZMEt4WFNLcWJnb1NRUERTdVhJUEl3QkF2UjV5RWFIK0MrNkNreGIrWjhNM2g3WW5QWG1qWmtEaW0rQlZKdFArdGpsZDNqbVloSjdMSmhKNWI1UzdDaDE5NUx0SXBqWGF4VFhHeUZiWjE1Uk85VjZET2k1LzNxWENOeXJ5UjlmeUxmajVnTE9pd0p5Y1k5M1VHYWVGeS9rR1VVQlZqQWxZVWMwR0Y3Rmw5VzJYWjlxY2pqUExUcnZadklaNUhuNWk2dTQ9IiwiY29udGVudCI6Iltjb250YWN0LWZpZWxkIGxhYmVsPVwiTm9tOlwiIHR5cGU9XCJuYW1lXCIgcmVxdWlyZWQ9XCIxXCJdW2NvbnRhY3QtZmllbGQgbGFiZWw9XCJFLW1haWxcIiB0eXBlPVwiZW1haWxcIiByZXF1aXJlZD1cIjFcIl1bY29udGFjdC1maWVsZCBsYWJlbD1cIkF1IHN1amV0IGRlIGNlIHlhY2h0OlwiIHR5cGU9XCJ0ZXh0XCJdW2NvbnRhY3QtZmllbGQgbGFiZWw9XCJNZXNzYWdlXCIgdHlwZT1cInRleHRhcmVhXCJdIiwiaGFzaCI6IjUxZDUyMzljN2EyNDU4MGExMjQzZGEzODAwN2Y1MDRhNjRiZmRkZTMiLCJzb3VyY2UiOnsiZW50cnlfdGl0bGUiOiJCZWxpemUgNjYgRGF5YnJpZGdlIDIwMjUgXHUwMGUwIHZlbmRyZSAkIDNcdTAwYTA5NDVcdTAwYTAwMDAgVVNEIiwiZW50cnlfcGFnZSI6MSwic291cmNlX2lkIjoyOTI1MzcsInNvdXJjZV90eXBlIjoic2luZ2xlIiwicmVxdWVzdF91cmwiOiJodHRwczovL2l0YXlhY2h0c2NhbmFkYS5jb20vZnIvd3AtanNvbi93cC92Mi9saXN0aW5nLzI5MjUzNyJ9LCJ2ZXJzaW9uIjoyLCJjaXBoZXIiOiJhZXMtMjU2LWdjbSJ9.pjcy9JNX2a_EanY_9mKXpQKClf5GWG89N3Hl90ksfIE' \/>\n\n<div style=\"\"  data-wp-interactive=\"jetpack\/form\" data-wp-context='{\"fieldId\":\"g292537-nom\",\"fieldType\":\"name\",\"fieldLabel\":\"Nom:\",\"fieldValue\":\"\",\"fieldPlaceholder\":\"\",\"fieldIsRequired\":\"1\",\"fieldErrorMessage\":\"\",\"fieldExtra\":[],\"formHash\":\"51d5239c7a24580a1243da38007f504a64bfdde3\"}'  class='grunion-field-name-wrap grunion-field-wrap'  data-wp-init='callbacks.initializeField' data-wp-on--jetpack-form-reset='callbacks.initializeField' >\n<label\n\t\t\t\tfor='g292537-nom' class=\"grunion-field-label name\" >Nom:<span class=\"grunion-label-required\" aria-hidden=\"true\">(obligatoire)<\/span><\/label>\n<input\n\t\t\t\t\ttype='text'\n\t\t\t\t\tname='g292537-nom'\n\t\t\t\t\tid='g292537-nom'\n\t\t\t\t\tvalue=''\n\n\t\t\t\t\tdata-wp-bind--aria-invalid='state.fieldAriaInvalid'\n\t\t\t\t\tdata-wp-bind--value='state.getFieldValue'\n\t\t\t\t\taria-describedby='g292537-nom-text-error-message'\n\t\t\t\t\tdata-wp-on--input='actions.onFieldChange'\n\t\t\t\t\tdata-wp-on--blur='actions.onFieldBlur'\n\t\t\t\t\tdata-wp-class--has-value='state.hasFieldValue'\n\n\t\t\t\t\tclass='name  grunion-field' \n\t\t\t\t\trequired='true' aria-required='true'  \/>\n \n\t\t\t<div id=\"g292537-nom-text-error\" class=\"contact-form__input-error\" data-wp-class--has-errors=\"state.fieldHasErrors\">\n\t\t\t\t<span class=\"contact-form__warning-icon\" aria-hidden=\"true\">\n\t\t\t\t\t<svg width=\"16\" height=\"16\" viewBox=\"0 0 16 16\" fill=\"none\" xmlns=\"http:\/\/www.w3.org\/2000\/svg\">\n\t\t\t\t\t\t<path d=\"M8.50015 11.6402H7.50015V10.6402H8.50015V11.6402Z\" \/>\n\t\t\t\t\t\t<path d=\"M7.50015 9.64018H8.50015V6.30684H7.50015V9.64018Z\" \/>\n\t\t\t\t\t\t<path fill-rule=\"evenodd\" clip-rule=\"evenodd\" d=\"M6.98331 3.0947C7.42933 2.30177 8.57096 2.30177 9.01698 3.09469L13.8771 11.7349C14.3145 12.5126 13.7525 13.4735 12.8602 13.4735H3.14004C2.24774 13.4735 1.68575 12.5126 2.12321 11.7349L6.98331 3.0947ZM8.14541 3.58496C8.08169 3.47168 7.9186 3.47168 7.85488 3.58496L2.99478 12.2251C2.93229 12.3362 3.01257 12.4735 3.14004 12.4735H12.8602C12.9877 12.4735 13.068 12.3362 13.0055 12.2251L8.14541 3.58496Z\" \/>\n\t\t\t\t\t<\/svg>\n\t\t\t\t<\/span>\n\t\t\t\t<span data-wp-text=\"state.errorMessage\" id=\"g292537-nom-text-error-message\"><\/span>\n\t\t\t<\/div> \n\t<\/div>\n\n<div style=\"\"  data-wp-interactive=\"jetpack\/form\" data-wp-context='{\"fieldId\":\"g292537-email\",\"fieldType\":\"email\",\"fieldLabel\":\"E-mail\",\"fieldValue\":\"\",\"fieldPlaceholder\":\"\",\"fieldIsRequired\":\"1\",\"fieldErrorMessage\":\"\",\"fieldExtra\":[],\"formHash\":\"51d5239c7a24580a1243da38007f504a64bfdde3\"}'  class='grunion-field-email-wrap grunion-field-wrap'  data-wp-init='callbacks.initializeField' data-wp-on--jetpack-form-reset='callbacks.initializeField' >\n<label\n\t\t\t\tfor='g292537-email' class=\"grunion-field-label email\" >E-mail<span class=\"grunion-label-required\" aria-hidden=\"true\">(obligatoire)<\/span><\/label>\n<input\n\t\t\t\t\ttype='email'\n\t\t\t\t\tname='g292537-email'\n\t\t\t\t\tid='g292537-email'\n\t\t\t\t\tvalue=''\n\n\t\t\t\t\tdata-wp-bind--aria-invalid='state.fieldAriaInvalid'\n\t\t\t\t\tdata-wp-bind--value='state.getFieldValue'\n\t\t\t\t\taria-describedby='g292537-email-email-error-message'\n\t\t\t\t\tdata-wp-on--input='actions.onFieldChange'\n\t\t\t\t\tdata-wp-on--blur='actions.onFieldBlur'\n\t\t\t\t\tdata-wp-class--has-value='state.hasFieldValue'\n\n\t\t\t\t\tclass='email  grunion-field' \n\t\t\t\t\trequired='true' aria-required='true'  \/>\n \n\t\t\t<div id=\"g292537-email-email-error\" class=\"contact-form__input-error\" data-wp-class--has-errors=\"state.fieldHasErrors\">\n\t\t\t\t<span class=\"contact-form__warning-icon\" aria-hidden=\"true\">\n\t\t\t\t\t<svg width=\"16\" height=\"16\" viewBox=\"0 0 16 16\" fill=\"none\" xmlns=\"http:\/\/www.w3.org\/2000\/svg\">\n\t\t\t\t\t\t<path d=\"M8.50015 11.6402H7.50015V10.6402H8.50015V11.6402Z\" \/>\n\t\t\t\t\t\t<path d=\"M7.50015 9.64018H8.50015V6.30684H7.50015V9.64018Z\" \/>\n\t\t\t\t\t\t<path fill-rule=\"evenodd\" clip-rule=\"evenodd\" d=\"M6.98331 3.0947C7.42933 2.30177 8.57096 2.30177 9.01698 3.09469L13.8771 11.7349C14.3145 12.5126 13.7525 13.4735 12.8602 13.4735H3.14004C2.24774 13.4735 1.68575 12.5126 2.12321 11.7349L6.98331 3.0947ZM8.14541 3.58496C8.08169 3.47168 7.9186 3.47168 7.85488 3.58496L2.99478 12.2251C2.93229 12.3362 3.01257 12.4735 3.14004 12.4735H12.8602C12.9877 12.4735 13.068 12.3362 13.0055 12.2251L8.14541 3.58496Z\" \/>\n\t\t\t\t\t<\/svg>\n\t\t\t\t<\/span>\n\t\t\t\t<span data-wp-text=\"state.errorMessage\" id=\"g292537-email-email-error-message\"><\/span>\n\t\t\t<\/div> \n\t<\/div>\n\n<div style=\"\"  data-wp-interactive=\"jetpack\/form\" data-wp-context='{\"fieldId\":\"g292537-ausujetdeceyacht\",\"fieldType\":\"text\",\"fieldLabel\":\"Au sujet de ce yacht:\",\"fieldValue\":\"\",\"fieldPlaceholder\":\"\",\"fieldIsRequired\":\"\",\"fieldErrorMessage\":\"\",\"fieldExtra\":[],\"formHash\":\"51d5239c7a24580a1243da38007f504a64bfdde3\"}'  class='grunion-field-text-wrap grunion-field-wrap'  data-wp-init='callbacks.initializeField' data-wp-on--jetpack-form-reset='callbacks.initializeField' >\n<label\n\t\t\t\tfor='g292537-ausujetdeceyacht' class=\"grunion-field-label text\" >Au sujet de ce yacht:<\/label>\n<input\n\t\t\t\t\ttype='text'\n\t\t\t\t\tname='g292537-ausujetdeceyacht'\n\t\t\t\t\tid='g292537-ausujetdeceyacht'\n\t\t\t\t\tvalue=''\n\n\t\t\t\t\tdata-wp-bind--aria-invalid='state.fieldAriaInvalid'\n\t\t\t\t\tdata-wp-bind--value='state.getFieldValue'\n\t\t\t\t\taria-describedby='g292537-ausujetdeceyacht-text-error-message'\n\t\t\t\t\tdata-wp-on--input='actions.onFieldChange'\n\t\t\t\t\tdata-wp-on--blur='actions.onFieldBlur'\n\t\t\t\t\tdata-wp-class--has-value='state.hasFieldValue'\n\n\t\t\t\t\tclass='text  grunion-field' \n\t\t\t\t\t \/>\n \n\t\t\t<div id=\"g292537-ausujetdeceyacht-text-error\" class=\"contact-form__input-error\" data-wp-class--has-errors=\"state.fieldHasErrors\">\n\t\t\t\t<span class=\"contact-form__warning-icon\" aria-hidden=\"true\">\n\t\t\t\t\t<svg width=\"16\" height=\"16\" viewBox=\"0 0 16 16\" fill=\"none\" xmlns=\"http:\/\/www.w3.org\/2000\/svg\">\n\t\t\t\t\t\t<path d=\"M8.50015 11.6402H7.50015V10.6402H8.50015V11.6402Z\" \/>\n\t\t\t\t\t\t<path d=\"M7.50015 9.64018H8.50015V6.30684H7.50015V9.64018Z\" \/>\n\t\t\t\t\t\t<path fill-rule=\"evenodd\" clip-rule=\"evenodd\" d=\"M6.98331 3.0947C7.42933 2.30177 8.57096 2.30177 9.01698 3.09469L13.8771 11.7349C14.3145 12.5126 13.7525 13.4735 12.8602 13.4735H3.14004C2.24774 13.4735 1.68575 12.5126 2.12321 11.7349L6.98331 3.0947ZM8.14541 3.58496C8.08169 3.47168 7.9186 3.47168 7.85488 3.58496L2.99478 12.2251C2.93229 12.3362 3.01257 12.4735 3.14004 12.4735H12.8602C12.9877 12.4735 13.068 12.3362 13.0055 12.2251L8.14541 3.58496Z\" \/>\n\t\t\t\t\t<\/svg>\n\t\t\t\t<\/span>\n\t\t\t\t<span data-wp-text=\"state.errorMessage\" id=\"g292537-ausujetdeceyacht-text-error-message\"><\/span>\n\t\t\t<\/div> \n\t<\/div>\n\n<div style=\"\"  data-wp-interactive=\"jetpack\/form\" data-wp-context='{\"fieldId\":\"g292537-message\",\"fieldType\":\"textarea\",\"fieldLabel\":\"Message\",\"fieldValue\":\"\",\"fieldPlaceholder\":\"\",\"fieldIsRequired\":\"\",\"fieldErrorMessage\":\"\",\"fieldExtra\":[],\"formHash\":\"51d5239c7a24580a1243da38007f504a64bfdde3\"}'  class='grunion-field-textarea-wrap grunion-field-wrap'  data-wp-init='callbacks.initializeField' data-wp-on--jetpack-form-reset='callbacks.initializeField' >\n<label\n\t\t\t\tfor='contact-form-comment-g292537-message' class=\"grunion-field-label textarea\" >Message<\/label>\n<textarea\n\t\t                style=''\n\t\t                name='g292537-message'\n\t\t                id='contact-form-comment-g292537-message'\n\t\t                rows='20'\n\t\t\t\t\t\tdata-wp-text='state.getFieldValue'\n\t\t\t\t\t\tdata-wp-on--input='actions.onFieldChange'\n\t\t\t\t\t\tdata-wp-on--blur='actions.onFieldBlur'\n\t\t\t\t\t\tdata-wp-class--has-value='state.hasFieldValue'\n\t\t\t\t\t\taria-describedby='g292537-message-textarea-error-message'\n\t\t\t\t\t\tdata-wp-bind--aria-invalid='state.fieldAriaInvalid'\n\t\t\t\t\t\tclass='textarea  grunion-field'  ><\/textarea>\n \n\t\t\t<div id=\"g292537-message-textarea-error\" class=\"contact-form__input-error\" data-wp-class--has-errors=\"state.fieldHasErrors\">\n\t\t\t\t<span class=\"contact-form__warning-icon\" aria-hidden=\"true\">\n\t\t\t\t\t<svg width=\"16\" height=\"16\" viewBox=\"0 0 16 16\" fill=\"none\" xmlns=\"http:\/\/www.w3.org\/2000\/svg\">\n\t\t\t\t\t\t<path d=\"M8.50015 11.6402H7.50015V10.6402H8.50015V11.6402Z\" \/>\n\t\t\t\t\t\t<path d=\"M7.50015 9.64018H8.50015V6.30684H7.50015V9.64018Z\" \/>\n\t\t\t\t\t\t<path fill-rule=\"evenodd\" clip-rule=\"evenodd\" d=\"M6.98331 3.0947C7.42933 2.30177 8.57096 2.30177 9.01698 3.09469L13.8771 11.7349C14.3145 12.5126 13.7525 13.4735 12.8602 13.4735H3.14004C2.24774 13.4735 1.68575 12.5126 2.12321 11.7349L6.98331 3.0947ZM8.14541 3.58496C8.08169 3.47168 7.9186 3.47168 7.85488 3.58496L2.99478 12.2251C2.93229 12.3362 3.01257 12.4735 3.14004 12.4735H12.8602C12.9877 12.4735 13.068 12.3362 13.0055 12.2251L8.14541 3.58496Z\" \/>\n\t\t\t\t\t<\/svg>\n\t\t\t\t<\/span>\n\t\t\t\t<span data-wp-text=\"state.errorMessage\" id=\"g292537-message-textarea-error-message\"><\/span>\n\t\t\t<\/div>\n\t<\/div>\n\t<p class='contact-submit'>\n<div class=\"contact-form__error\" data-wp-class--show-errors=\"state.showFormErrors\"><span class=\"contact-form__warning-icon\" aria-hidden=\"true\"><i><\/i><\/span><span class=\"contact-form__error-message\" tabindex=\"-1\" data-wp-watch=\"callbacks.focusOnValidationError\" data-wp-text=\"state.getFormErrorMessage\"><\/span><ul aria-label=\"Erreurs de formulaire\">\n\t\t\t\t<template data-wp-each=\"state.getErrorList\" data-wp-key=\"context.item.id\">\n\t\t\t\t\t<li><a data-wp-bind--href=\"context.item.anchor\" data-wp-on--click=\"actions.scrollIntoView\" data-wp-text=\"context.item.label\"><\/a><\/li>\n\t\t\t\t<\/template>\n\t\t\t\t<\/ul><\/div><div class=\"contact-form__error\" data-wp-class--show-errors=\"state.showSubmissionError\" data-wp-text=\"context.submissionError\" tabindex=\"-1\" data-wp-watch=\"callbacks.focusOnSubmissionError\"><\/div>\t\t<button type='submit' class='pushbutton-wide'>Envoyer<\/button>\t\t<input type='hidden' name='contact-form-id' value='292537' \/>\n\t\t<input type='hidden' name='action' value='grunion-contact-form' \/>\n\t\t<input type='hidden' name='contact-form-hash' value='51d5239c7a24580a1243da38007f504a64bfdde3' \/>\n\t<\/p>\n<p style=\"display: none !important;\" class=\"akismet-fields-container\" data-prefix=\"ak_\"><label>&#916;<textarea name=\"ak_hp_textarea\" cols=\"45\" rows=\"8\" maxlength=\"100\"><\/textarea><\/label><input type=\"hidden\" id=\"ak_js_1\" name=\"ak_js\" value=\"15\"\/><script type=\"text\/javascript\">\n\/* <![CDATA[ *\/\ndocument.getElementById( \"ak_js_1\" ).setAttribute( \"value\", ( new Date() ).getTime() );\n\/* ]]> *\/\n<\/script>\n<\/p><\/form>\n<\/div>\n<p>&nbsp;<\/p>\n<p>&nbsp;<\/p>\n<\/div>\n<\/div>\n","protected":false},"excerpt":{"rendered":"<p>OFF MARKET (pr\u00e9sentement retir\u00e9 de la vente) Belize 66 Daybridge 2025 \u00e0 vendre\u00a0 $ 3 945 000 USD Saisissez cette opportunit\u00e9 exceptionnelle d&rsquo;acqu\u00e9rir un Belize 66 Daybridge de 2025 en excellent \u00e9tat, sans attendre\u00a0! Ce yacht est tr\u00e8s bien \u00e9quip\u00e9, avec une liste exhaustive d&rsquo;options facilitant sa navigation pour un couple. Livr\u00e9 en novembre 2024, &hellip; <a href=\"https:\/\/itayachtscanada.com\/fr\/listing\/belize-66-daybridge-2025-3945000-usd-for-sale\/\" class=\"more-link\">Lire la suite <span class=\"screen-reader-text\">Belize 66 Daybridge 2025 \u00e0 vendre $ 3\u00a0945\u00a0000 USD<\/span> <span class=\"meta-nav\">&rarr;<\/span><\/a><\/p>\n","protected":false},"author":119081455,"featured_media":292564,"parent":0,"menu_order":0,"comment_status":"open","ping_status":"open","template":"","format":"standard","meta":{"_coblocks_attr":"","_coblocks_dimensions":"","_coblocks_responsive_height":"","_coblocks_accordion_ie_support":"","_lmt_disableupdate":"no","_lmt_disable":"no","advanced_seo_description":"","jetpack_seo_html_title":"","jetpack_seo_noindex":false,"footnotes":""},"manufacturer":[6915],"prix":[6535],"years":[7181],"length_feet":[6588],"boat_type":[6464],"price_range":[6581],"localisations":[],"numyacht":[10751],"datevente":[10750,11080,11208,11312],"country":[10755],"states":[10770],"city":[10858],"fresh-water-boat":[10809],"broker":[],"migration":[10888],"class_list":["post-292537","listing","type-listing","status-publish","format-standard","has-post-thumbnail","hentry","manufacturer-belize","prix-6535","years-7181","length_feet-between-60-and-69-feets","boat_type-flybridge","price_range-3000000-4999999","numyacht-10751","datevente-2025-11-04","datevente-2026-01-01","datevente-2026-03-01","datevente-2026-04-25","country-united-states","states-floride","city-naples","fresh-water-boat-non","migration-non"],"translation":{"provider":"WPGlobus","version":"2.12.2","language":"fr","enabled_languages":["en","fr"],"languages":{"en":{"title":true,"content":true,"excerpt":false},"fr":{"title":true,"content":true,"excerpt":false}}},"jetpack_likes_enabled":true,"jetpack_sharing_enabled":true,"_links":{"self":[{"href":"https:\/\/itayachtscanada.com\/fr\/wp-json\/wp\/v2\/listing\/292537","targetHints":{"allow":["GET"]}}],"collection":[{"href":"https:\/\/itayachtscanada.com\/fr\/wp-json\/wp\/v2\/listing"}],"about":[{"href":"https:\/\/itayachtscanada.com\/fr\/wp-json\/wp\/v2\/types\/listing"}],"author":[{"embeddable":true,"href":"https:\/\/itayachtscanada.com\/fr\/wp-json\/wp\/v2\/users\/119081455"}],"replies":[{"embeddable":true,"href":"https:\/\/itayachtscanada.com\/fr\/wp-json\/wp\/v2\/comments?post=292537"}],"version-history":[{"count":19,"href":"https:\/\/itayachtscanada.com\/fr\/wp-json\/wp\/v2\/listing\/292537\/revisions"}],"predecessor-version":[{"id":300029,"href":"https:\/\/itayachtscanada.com\/fr\/wp-json\/wp\/v2\/listing\/292537\/revisions\/300029"}],"wp:featuredmedia":[{"embeddable":true,"href":"https:\/\/itayachtscanada.com\/fr\/wp-json\/wp\/v2\/media\/292564"}],"wp:attachment":[{"href":"https:\/\/itayachtscanada.com\/fr\/wp-json\/wp\/v2\/media?parent=292537"}],"wp:term":[{"taxonomy":"manufacturer","embeddable":true,"href":"https:\/\/itayachtscanada.com\/fr\/wp-json\/wp\/v2\/manufacturer?post=292537"},{"taxonomy":"prix","embeddable":true,"href":"https:\/\/itayachtscanada.com\/fr\/wp-json\/wp\/v2\/prix?post=292537"},{"taxonomy":"years","embeddable":true,"href":"https:\/\/itayachtscanada.com\/fr\/wp-json\/wp\/v2\/years?post=292537"},{"taxonomy":"length_feet","embeddable":true,"href":"https:\/\/itayachtscanada.com\/fr\/wp-json\/wp\/v2\/length_feet?post=292537"},{"taxonomy":"boat_type","embeddable":true,"href":"https:\/\/itayachtscanada.com\/fr\/wp-json\/wp\/v2\/boat_type?post=292537"},{"taxonomy":"price_range","embeddable":true,"href":"https:\/\/itayachtscanada.com\/fr\/wp-json\/wp\/v2\/price_range?post=292537"},{"taxonomy":"localisations","embeddable":true,"href":"https:\/\/itayachtscanada.com\/fr\/wp-json\/wp\/v2\/localisations?post=292537"},{"taxonomy":"numyacht","embeddable":true,"href":"https:\/\/itayachtscanada.com\/fr\/wp-json\/wp\/v2\/numyacht?post=292537"},{"taxonomy":"datevente","embeddable":true,"href":"https:\/\/itayachtscanada.com\/fr\/wp-json\/wp\/v2\/datevente?post=292537"},{"taxonomy":"country","embeddable":true,"href":"https:\/\/itayachtscanada.com\/fr\/wp-json\/wp\/v2\/country?post=292537"},{"taxonomy":"states","embeddable":true,"href":"https:\/\/itayachtscanada.com\/fr\/wp-json\/wp\/v2\/states?post=292537"},{"taxonomy":"city","embeddable":true,"href":"https:\/\/itayachtscanada.com\/fr\/wp-json\/wp\/v2\/city?post=292537"},{"taxonomy":"fresh-water-boat","embeddable":true,"href":"https:\/\/itayachtscanada.com\/fr\/wp-json\/wp\/v2\/fresh-water-boat?post=292537"},{"taxonomy":"broker","embeddable":true,"href":"https:\/\/itayachtscanada.com\/fr\/wp-json\/wp\/v2\/broker?post=292537"},{"taxonomy":"migration","embeddable":true,"href":"https:\/\/itayachtscanada.com\/fr\/wp-json\/wp\/v2\/migration?post=292537"}],"curies":[{"name":"wp","href":"https:\/\/api.w.org\/{rel}","templated":true}]}}