{"id":292069,"date":"2025-10-23T16:56:00","date_gmt":"2025-10-23T20:56:00","guid":{"rendered":"https:\/\/itayachtscanada.com\/?post_type=listing&#038;p=292069"},"modified":"2026-04-15T11:21:41","modified_gmt":"2026-04-15T15:21:41","slug":"ferretti-850-flybridge-2018-3750000-usd-for-sale","status":"publish","type":"listing","link":"https:\/\/itayachtscanada.com\/fr\/listing\/ferretti-850-flybridge-2018-3750000-usd-for-sale\/","title":{"rendered":"Ferretti 850 Flybridge 2018 $3,750,000 usd \u00e0 vendre"},"content":{"rendered":"<p><strong>Ferretti 850 Flybridge 2018 $3,750,000 usd \u00e0 vendre<\/strong><\/p>\n<p>ALTER EGO, beaut\u00e9 puissante, charme agressif, \u00e9l\u00e9gance et luxe se marient dans une formule sans pr\u00e9c\u00e9dent : certains yachts vous laissent tout simplement sans voix, avec le sentiment d&rsquo;avoir assist\u00e9 au d\u00e9but d&rsquo;une nouvelle \u00e8re et \u00e0 l&rsquo;av\u00e8nement d&rsquo;une nouvelle norme dans le domaine de la plaisance.<br \/>\nIl s&rsquo;agit l\u00e0 d&rsquo;une prouesse technique et esth\u00e9tique que seul un constructeur de bateaux de premier plan comme Ferretti Yachts peut r\u00e9aliser, gr\u00e2ce \u00e0 une \u00e9quipe fantastique d&rsquo;ing\u00e9nieurs, de designers et de professionnels qui perp\u00e9tuent la glorieuse tradition du Made in Italy.<\/p>\n<p>Entretien et mises \u00e0 niveau r\u00e9cents :<\/p>\n<p>Dernier cirage et polissage : d\u00e9cembre 2024<br \/>\nPeinture de coque et Prop Speed : d\u00e9cembre 2024<br \/>\nInspections de s\u00e9curit\u00e9 incendie et des radeaux de sauvetage : f\u00e9vrier 2025<\/p>\n<p>Connectivit\u00e9 et divertissement :<\/p>\n<p>Internet Starlink install\u00e9<br \/>\nSyst\u00e8me audio JBL dans tout le navire<br \/>\nApple TV dans chaque cabine et dans le salon principal<\/p>\n<p>Performances et machines :<\/p>\n<p>Stabilisateurs \u00e0 ailettes (Zero Speed)<br \/>\n2 moteurs MAN \u2013 1 680 heures (r\u00e9vision des 1 500 heures effectu\u00e9e)<br \/>\n2 g\u00e9n\u00e9rateurs Cummins \u2013 1 761 heures (r\u00e9vision des 1 500 heures effectu\u00e9e)<\/p>\n<p>H\u00e9bergement :<\/p>\n<p>4 cabines passagers<br \/>\n2 cabines \u00e9quipage (twin) pouvant accueillir 4 membres d&rsquo;\u00e9quipage<\/p>\n<div>\n<div class=\"content-header\">\n<h3>Ce Ferretti 850 est situ\u00e9 en Floride. Veuillez nous contacter au 514-521-1221 pour obtenir tous les d\u00e9tails concernant ce Ferretti Yachts 850. Notre bureau est situ\u00e9 dans la banlieue de Floride.<\/h3>\n<h3><strong><a href=\"https:\/\/itayachtscanada.com\/fr\/virtuals_visits\/ferretti-850-flybridge\/\">Cliquez ici<\/a> pour une visite virtuelle du Ferretti 850.<\/strong><\/h3>\n<div>\n<p>Dimensions<br \/>\nLongueur hors tout : 85 pieds<br \/>\nLargeur : 21 pieds<br \/>\nTirant d&rsquo;eau minimum : 6 pieds 5 pouces<br \/>\nR\u00e9servoirs<br \/>\nCarburant : (1783 gallons)<br \/>\nEau douce : (349 gallons)<br \/>\nH\u00e9bergement<br \/>\nCabines invit\u00e9s : 4<br \/>\nCabines \u00e9quipage : 2<br \/>\nAutres<br \/>\nPavillon d&rsquo;immatriculation : \u00celes Ca\u00efmans<br \/>\nConstructeur : Ferretti<\/p>\n<p>MOTEURS :<br \/>\nMAN V12 D2862LE476 (moteur 1)<br \/>\nType de moteur : in-bord<br \/>\nType de carburant : diesel<br \/>\nHeures moteur : 1680<br \/>\nPuissance : 1900 ch<\/p>\n<p>MAN V12 D2862LE476 (moteur 2)<br \/>\nType de moteur : in-bord<br \/>\nType de carburant : diesel<br \/>\nHeures moteur : 1680<br \/>\nPuissance : 1900 ch<\/p>\n<p>&nbsp;<\/p>\n<\/div>\n<div><\/div>\n<div>\n<div class=\"tiled-gallery type-square tiled-gallery-unresized\" data-original-width=\"700\" data-carousel-extra='{&quot;blog_id&quot;:1,&quot;permalink&quot;:&quot;https:\\\/\\\/itayachtscanada.com\\\/fr\\\/listing\\\/ferretti-850-flybridge-2018-3750000-usd-for-sale\\\/&quot;,&quot;likes_blog_id&quot;:198557287}' itemscope itemtype=\"http:\/\/schema.org\/ImageGallery\" > <div class=\"gallery-row\" style=\"width: 700px; height: 233px;\" data-original-width=\"700\" data-original-height=\"233\" > <div class=\"gallery-group\" style=\"width: 233px; height: 233px;\" data-original-width=\"233\" data-original-height=\"233\" > <div class=\"tiled-gallery-item \" itemprop=\"associatedMedia\" itemscope itemtype=\"http:\/\/schema.org\/ImageObject\"> <a href=\"https:\/\/itayachtscanada.com\/fr\/listing\/ferretti-850-flybridge-2018-3750000-usd-for-sale\/ferretti-850-2018\/\" border=\"0\" itemprop=\"url\"> <meta itemprop=\"width\" content=\"229\"> <meta itemprop=\"height\" content=\"229\"> <img decoding=\"async\" class=\"\" data-attachment-id=\"292073\" data-orig-file=\"https:\/\/itayachtscanada.com\/wp-content\/uploads\/2025\/10\/Ferretti-850-2018.jpg\" data-orig-size=\"1404,938\" data-comments-opened=\"1\" data-image-meta=\"{&quot;aperture&quot;:&quot;0&quot;,&quot;credit&quot;:&quot;&quot;,&quot;camera&quot;:&quot;&quot;,&quot;caption&quot;:&quot;&quot;,&quot;created_timestamp&quot;:&quot;0&quot;,&quot;copyright&quot;:&quot;&quot;,&quot;focal_length&quot;:&quot;0&quot;,&quot;iso&quot;:&quot;0&quot;,&quot;shutter_speed&quot;:&quot;0&quot;,&quot;title&quot;:&quot;&quot;,&quot;orientation&quot;:&quot;0&quot;}\" data-image-title=\"Ferretti 850 2018\" data-image-description=\"\" data-medium-file=\"https:\/\/i0.wp.com\/itayachtscanada.com\/wp-content\/uploads\/2025\/10\/Ferretti-850-2018.jpg?fit=300%2C200&#038;ssl=1\" data-large-file=\"https:\/\/i0.wp.com\/itayachtscanada.com\/wp-content\/uploads\/2025\/10\/Ferretti-850-2018.jpg?fit=700%2C468&#038;ssl=1\" src=\"https:\/\/i0.wp.com\/itayachtscanada.com\/wp-content\/uploads\/2025\/10\/Ferretti-850-2018.jpg?w=229&#038;h=229&#038;crop=1&#038;ssl=1\" srcset=\"https:\/\/i0.wp.com\/itayachtscanada.com\/wp-content\/uploads\/2025\/10\/Ferretti-850-2018.jpg?resize=150%2C150&amp;ssl=1 150w, https:\/\/i0.wp.com\/itayachtscanada.com\/wp-content\/uploads\/2025\/10\/Ferretti-850-2018.jpg?resize=60%2C60&amp;ssl=1 60w, https:\/\/i0.wp.com\/itayachtscanada.com\/wp-content\/uploads\/2025\/10\/Ferretti-850-2018.jpg?resize=80%2C80&amp;ssl=1 80w, https:\/\/i0.wp.com\/itayachtscanada.com\/wp-content\/uploads\/2025\/10\/Ferretti-850-2018.jpg?resize=100%2C100&amp;ssl=1 100w, https:\/\/i0.wp.com\/itayachtscanada.com\/wp-content\/uploads\/2025\/10\/Ferretti-850-2018.jpg?resize=50%2C50&amp;ssl=1 50w, https:\/\/i0.wp.com\/itayachtscanada.com\/wp-content\/uploads\/2025\/10\/Ferretti-850-2018.jpg?zoom=2&amp;resize=229%2C229&amp;ssl=1 458w, https:\/\/i0.wp.com\/itayachtscanada.com\/wp-content\/uploads\/2025\/10\/Ferretti-850-2018.jpg?zoom=3&amp;resize=229%2C229&amp;ssl=1 687w\" width=\"229\" height=\"229\" loading=\"lazy\" data-original-width=\"229\" data-original-height=\"229\" itemprop=\"http:\/\/schema.org\/image\" title=\"Ferretti 850 2018\" alt=\"Ferretti 850 2018\" style=\"width: 229px; height: 229px;\" \/> <\/a> <\/div> <\/div> <div class=\"gallery-group\" style=\"width: 233px; height: 233px;\" data-original-width=\"233\" data-original-height=\"233\" > <div class=\"tiled-gallery-item \" itemprop=\"associatedMedia\" itemscope itemtype=\"http:\/\/schema.org\/ImageObject\"> <a href=\"https:\/\/itayachtscanada.com\/fr\/listing\/ferretti-850-flybridge-2018-3750000-usd-for-sale\/capture-decran-le-2025-10-23-a-16-20-31\/\" border=\"0\" itemprop=\"url\"> <meta itemprop=\"width\" content=\"229\"> <meta itemprop=\"height\" content=\"229\"> <img decoding=\"async\" class=\"\" data-attachment-id=\"292074\" data-orig-file=\"https:\/\/itayachtscanada.com\/wp-content\/uploads\/2025\/10\/Capture-decran-le-2025-10-23-a-16.20.31.jpg\" data-orig-size=\"1404,938\" data-comments-opened=\"1\" data-image-meta=\"{&quot;aperture&quot;:&quot;0&quot;,&quot;credit&quot;:&quot;&quot;,&quot;camera&quot;:&quot;&quot;,&quot;caption&quot;:&quot;&quot;,&quot;created_timestamp&quot;:&quot;0&quot;,&quot;copyright&quot;:&quot;&quot;,&quot;focal_length&quot;:&quot;0&quot;,&quot;iso&quot;:&quot;0&quot;,&quot;shutter_speed&quot;:&quot;0&quot;,&quot;title&quot;:&quot;&quot;,&quot;orientation&quot;:&quot;0&quot;}\" data-image-title=\"Capture d\u2019e\u0301cran, le 2025-10-23 a\u0300 16.20.31\" data-image-description=\"\" data-medium-file=\"https:\/\/i0.wp.com\/itayachtscanada.com\/wp-content\/uploads\/2025\/10\/Capture-decran-le-2025-10-23-a-16.20.31.jpg?fit=300%2C200&#038;ssl=1\" data-large-file=\"https:\/\/i0.wp.com\/itayachtscanada.com\/wp-content\/uploads\/2025\/10\/Capture-decran-le-2025-10-23-a-16.20.31.jpg?fit=700%2C468&#038;ssl=1\" src=\"https:\/\/i0.wp.com\/itayachtscanada.com\/wp-content\/uploads\/2025\/10\/Capture-decran-le-2025-10-23-a-16.20.31.jpg?w=229&#038;h=229&#038;crop=1&#038;ssl=1\" srcset=\"https:\/\/i0.wp.com\/itayachtscanada.com\/wp-content\/uploads\/2025\/10\/Capture-decran-le-2025-10-23-a-16.20.31.jpg?resize=150%2C150&amp;ssl=1 150w, https:\/\/i0.wp.com\/itayachtscanada.com\/wp-content\/uploads\/2025\/10\/Capture-decran-le-2025-10-23-a-16.20.31.jpg?resize=60%2C60&amp;ssl=1 60w, https:\/\/i0.wp.com\/itayachtscanada.com\/wp-content\/uploads\/2025\/10\/Capture-decran-le-2025-10-23-a-16.20.31.jpg?resize=80%2C80&amp;ssl=1 80w, https:\/\/i0.wp.com\/itayachtscanada.com\/wp-content\/uploads\/2025\/10\/Capture-decran-le-2025-10-23-a-16.20.31.jpg?resize=100%2C100&amp;ssl=1 100w, https:\/\/i0.wp.com\/itayachtscanada.com\/wp-content\/uploads\/2025\/10\/Capture-decran-le-2025-10-23-a-16.20.31.jpg?resize=50%2C50&amp;ssl=1 50w, https:\/\/i0.wp.com\/itayachtscanada.com\/wp-content\/uploads\/2025\/10\/Capture-decran-le-2025-10-23-a-16.20.31.jpg?zoom=2&amp;resize=229%2C229&amp;ssl=1 458w, https:\/\/i0.wp.com\/itayachtscanada.com\/wp-content\/uploads\/2025\/10\/Capture-decran-le-2025-10-23-a-16.20.31.jpg?zoom=3&amp;resize=229%2C229&amp;ssl=1 687w\" width=\"229\" height=\"229\" loading=\"lazy\" data-original-width=\"229\" data-original-height=\"229\" itemprop=\"http:\/\/schema.org\/image\" title=\"Capture d\u2019e\u0301cran, le 2025-10-23 a\u0300 16.20.31\" alt=\"Capture d\u2019e\u0301cran, le 2025-10-23 a\u0300 16.20.31\" style=\"width: 229px; height: 229px;\" \/> <\/a> <\/div> <\/div> <div class=\"gallery-group\" style=\"width: 233px; height: 233px;\" data-original-width=\"233\" data-original-height=\"233\" > <div class=\"tiled-gallery-item \" itemprop=\"associatedMedia\" itemscope itemtype=\"http:\/\/schema.org\/ImageObject\"> <a href=\"https:\/\/itayachtscanada.com\/fr\/listing\/ferretti-850-flybridge-2018-3750000-usd-for-sale\/capture-decran-le-2025-10-23-a-16-20-28\/\" border=\"0\" itemprop=\"url\"> <meta itemprop=\"width\" content=\"229\"> <meta itemprop=\"height\" content=\"229\"> <img decoding=\"async\" class=\"\" data-attachment-id=\"292075\" data-orig-file=\"https:\/\/itayachtscanada.com\/wp-content\/uploads\/2025\/10\/Capture-decran-le-2025-10-23-a-16.20.28.jpg\" data-orig-size=\"1404,938\" data-comments-opened=\"1\" data-image-meta=\"{&quot;aperture&quot;:&quot;0&quot;,&quot;credit&quot;:&quot;&quot;,&quot;camera&quot;:&quot;&quot;,&quot;caption&quot;:&quot;&quot;,&quot;created_timestamp&quot;:&quot;0&quot;,&quot;copyright&quot;:&quot;&quot;,&quot;focal_length&quot;:&quot;0&quot;,&quot;iso&quot;:&quot;0&quot;,&quot;shutter_speed&quot;:&quot;0&quot;,&quot;title&quot;:&quot;&quot;,&quot;orientation&quot;:&quot;0&quot;}\" data-image-title=\"Capture d\u2019e\u0301cran, le 2025-10-23 a\u0300 16.20.28\" data-image-description=\"\" data-medium-file=\"https:\/\/i0.wp.com\/itayachtscanada.com\/wp-content\/uploads\/2025\/10\/Capture-decran-le-2025-10-23-a-16.20.28.jpg?fit=300%2C200&#038;ssl=1\" data-large-file=\"https:\/\/i0.wp.com\/itayachtscanada.com\/wp-content\/uploads\/2025\/10\/Capture-decran-le-2025-10-23-a-16.20.28.jpg?fit=700%2C468&#038;ssl=1\" src=\"https:\/\/i0.wp.com\/itayachtscanada.com\/wp-content\/uploads\/2025\/10\/Capture-decran-le-2025-10-23-a-16.20.28.jpg?w=229&#038;h=229&#038;crop=1&#038;ssl=1\" srcset=\"https:\/\/i0.wp.com\/itayachtscanada.com\/wp-content\/uploads\/2025\/10\/Capture-decran-le-2025-10-23-a-16.20.28.jpg?resize=150%2C150&amp;ssl=1 150w, https:\/\/i0.wp.com\/itayachtscanada.com\/wp-content\/uploads\/2025\/10\/Capture-decran-le-2025-10-23-a-16.20.28.jpg?resize=60%2C60&amp;ssl=1 60w, https:\/\/i0.wp.com\/itayachtscanada.com\/wp-content\/uploads\/2025\/10\/Capture-decran-le-2025-10-23-a-16.20.28.jpg?resize=80%2C80&amp;ssl=1 80w, https:\/\/i0.wp.com\/itayachtscanada.com\/wp-content\/uploads\/2025\/10\/Capture-decran-le-2025-10-23-a-16.20.28.jpg?resize=100%2C100&amp;ssl=1 100w, https:\/\/i0.wp.com\/itayachtscanada.com\/wp-content\/uploads\/2025\/10\/Capture-decran-le-2025-10-23-a-16.20.28.jpg?resize=50%2C50&amp;ssl=1 50w, https:\/\/i0.wp.com\/itayachtscanada.com\/wp-content\/uploads\/2025\/10\/Capture-decran-le-2025-10-23-a-16.20.28.jpg?zoom=2&amp;resize=229%2C229&amp;ssl=1 458w, https:\/\/i0.wp.com\/itayachtscanada.com\/wp-content\/uploads\/2025\/10\/Capture-decran-le-2025-10-23-a-16.20.28.jpg?zoom=3&amp;resize=229%2C229&amp;ssl=1 687w\" width=\"229\" height=\"229\" loading=\"lazy\" data-original-width=\"229\" data-original-height=\"229\" itemprop=\"http:\/\/schema.org\/image\" title=\"Capture d\u2019e\u0301cran, le 2025-10-23 a\u0300 16.20.28\" alt=\"Capture d\u2019e\u0301cran, le 2025-10-23 a\u0300 16.20.28\" style=\"width: 229px; height: 229px;\" \/> <\/a> <\/div> <\/div> <\/div> <div class=\"gallery-row\" style=\"width: 700px; height: 233px;\" data-original-width=\"700\" data-original-height=\"233\" > <div class=\"gallery-group\" style=\"width: 233px; height: 233px;\" data-original-width=\"233\" data-original-height=\"233\" > <div class=\"tiled-gallery-item \" itemprop=\"associatedMedia\" itemscope itemtype=\"http:\/\/schema.org\/ImageObject\"> <a href=\"https:\/\/itayachtscanada.com\/fr\/listing\/ferretti-850-flybridge-2018-3750000-usd-for-sale\/capture-decran-le-2025-10-23-a-16-20-24\/\" border=\"0\" itemprop=\"url\"> <meta itemprop=\"width\" content=\"229\"> <meta itemprop=\"height\" content=\"229\"> <img decoding=\"async\" class=\"\" data-attachment-id=\"292076\" data-orig-file=\"https:\/\/itayachtscanada.com\/wp-content\/uploads\/2025\/10\/Capture-decran-le-2025-10-23-a-16.20.24.jpg\" data-orig-size=\"1404,938\" data-comments-opened=\"1\" data-image-meta=\"{&quot;aperture&quot;:&quot;0&quot;,&quot;credit&quot;:&quot;&quot;,&quot;camera&quot;:&quot;&quot;,&quot;caption&quot;:&quot;&quot;,&quot;created_timestamp&quot;:&quot;0&quot;,&quot;copyright&quot;:&quot;&quot;,&quot;focal_length&quot;:&quot;0&quot;,&quot;iso&quot;:&quot;0&quot;,&quot;shutter_speed&quot;:&quot;0&quot;,&quot;title&quot;:&quot;&quot;,&quot;orientation&quot;:&quot;0&quot;}\" data-image-title=\"Capture d\u2019e\u0301cran, le 2025-10-23 a\u0300 16.20.24\" data-image-description=\"\" data-medium-file=\"https:\/\/i0.wp.com\/itayachtscanada.com\/wp-content\/uploads\/2025\/10\/Capture-decran-le-2025-10-23-a-16.20.24.jpg?fit=300%2C200&#038;ssl=1\" data-large-file=\"https:\/\/i0.wp.com\/itayachtscanada.com\/wp-content\/uploads\/2025\/10\/Capture-decran-le-2025-10-23-a-16.20.24.jpg?fit=700%2C468&#038;ssl=1\" src=\"https:\/\/i0.wp.com\/itayachtscanada.com\/wp-content\/uploads\/2025\/10\/Capture-decran-le-2025-10-23-a-16.20.24.jpg?w=229&#038;h=229&#038;crop=1&#038;ssl=1\" srcset=\"https:\/\/i0.wp.com\/itayachtscanada.com\/wp-content\/uploads\/2025\/10\/Capture-decran-le-2025-10-23-a-16.20.24.jpg?resize=150%2C150&amp;ssl=1 150w, https:\/\/i0.wp.com\/itayachtscanada.com\/wp-content\/uploads\/2025\/10\/Capture-decran-le-2025-10-23-a-16.20.24.jpg?resize=60%2C60&amp;ssl=1 60w, https:\/\/i0.wp.com\/itayachtscanada.com\/wp-content\/uploads\/2025\/10\/Capture-decran-le-2025-10-23-a-16.20.24.jpg?resize=80%2C80&amp;ssl=1 80w, https:\/\/i0.wp.com\/itayachtscanada.com\/wp-content\/uploads\/2025\/10\/Capture-decran-le-2025-10-23-a-16.20.24.jpg?resize=100%2C100&amp;ssl=1 100w, https:\/\/i0.wp.com\/itayachtscanada.com\/wp-content\/uploads\/2025\/10\/Capture-decran-le-2025-10-23-a-16.20.24.jpg?resize=50%2C50&amp;ssl=1 50w, https:\/\/i0.wp.com\/itayachtscanada.com\/wp-content\/uploads\/2025\/10\/Capture-decran-le-2025-10-23-a-16.20.24.jpg?zoom=2&amp;resize=229%2C229&amp;ssl=1 458w, https:\/\/i0.wp.com\/itayachtscanada.com\/wp-content\/uploads\/2025\/10\/Capture-decran-le-2025-10-23-a-16.20.24.jpg?zoom=3&amp;resize=229%2C229&amp;ssl=1 687w\" width=\"229\" height=\"229\" loading=\"lazy\" data-original-width=\"229\" data-original-height=\"229\" itemprop=\"http:\/\/schema.org\/image\" title=\"Capture d\u2019e\u0301cran, le 2025-10-23 a\u0300 16.20.24\" alt=\"Capture d\u2019e\u0301cran, le 2025-10-23 a\u0300 16.20.24\" style=\"width: 229px; height: 229px;\" \/> <\/a> <\/div> <\/div> <div class=\"gallery-group\" style=\"width: 233px; height: 233px;\" data-original-width=\"233\" data-original-height=\"233\" > <div class=\"tiled-gallery-item \" itemprop=\"associatedMedia\" itemscope itemtype=\"http:\/\/schema.org\/ImageObject\"> <a href=\"https:\/\/itayachtscanada.com\/fr\/listing\/ferretti-850-flybridge-2018-3750000-usd-for-sale\/capture-decran-le-2025-10-23-a-16-20-15\/\" border=\"0\" itemprop=\"url\"> <meta itemprop=\"width\" content=\"229\"> <meta itemprop=\"height\" content=\"229\"> <img decoding=\"async\" class=\"\" data-attachment-id=\"292079\" data-orig-file=\"https:\/\/itayachtscanada.com\/wp-content\/uploads\/2025\/10\/Capture-decran-le-2025-10-23-a-16.20.15.jpg\" data-orig-size=\"1404,938\" data-comments-opened=\"1\" data-image-meta=\"{&quot;aperture&quot;:&quot;0&quot;,&quot;credit&quot;:&quot;&quot;,&quot;camera&quot;:&quot;&quot;,&quot;caption&quot;:&quot;&quot;,&quot;created_timestamp&quot;:&quot;0&quot;,&quot;copyright&quot;:&quot;&quot;,&quot;focal_length&quot;:&quot;0&quot;,&quot;iso&quot;:&quot;0&quot;,&quot;shutter_speed&quot;:&quot;0&quot;,&quot;title&quot;:&quot;&quot;,&quot;orientation&quot;:&quot;0&quot;}\" data-image-title=\"Capture d\u2019e\u0301cran, le 2025-10-23 a\u0300 16.20.15\" data-image-description=\"\" data-medium-file=\"https:\/\/i0.wp.com\/itayachtscanada.com\/wp-content\/uploads\/2025\/10\/Capture-decran-le-2025-10-23-a-16.20.15.jpg?fit=300%2C200&#038;ssl=1\" data-large-file=\"https:\/\/i0.wp.com\/itayachtscanada.com\/wp-content\/uploads\/2025\/10\/Capture-decran-le-2025-10-23-a-16.20.15.jpg?fit=700%2C468&#038;ssl=1\" src=\"https:\/\/i0.wp.com\/itayachtscanada.com\/wp-content\/uploads\/2025\/10\/Capture-decran-le-2025-10-23-a-16.20.15.jpg?w=229&#038;h=229&#038;crop=1&#038;ssl=1\" srcset=\"https:\/\/i0.wp.com\/itayachtscanada.com\/wp-content\/uploads\/2025\/10\/Capture-decran-le-2025-10-23-a-16.20.15.jpg?resize=150%2C150&amp;ssl=1 150w, https:\/\/i0.wp.com\/itayachtscanada.com\/wp-content\/uploads\/2025\/10\/Capture-decran-le-2025-10-23-a-16.20.15.jpg?resize=60%2C60&amp;ssl=1 60w, https:\/\/i0.wp.com\/itayachtscanada.com\/wp-content\/uploads\/2025\/10\/Capture-decran-le-2025-10-23-a-16.20.15.jpg?resize=80%2C80&amp;ssl=1 80w, https:\/\/i0.wp.com\/itayachtscanada.com\/wp-content\/uploads\/2025\/10\/Capture-decran-le-2025-10-23-a-16.20.15.jpg?resize=100%2C100&amp;ssl=1 100w, https:\/\/i0.wp.com\/itayachtscanada.com\/wp-content\/uploads\/2025\/10\/Capture-decran-le-2025-10-23-a-16.20.15.jpg?resize=50%2C50&amp;ssl=1 50w, https:\/\/i0.wp.com\/itayachtscanada.com\/wp-content\/uploads\/2025\/10\/Capture-decran-le-2025-10-23-a-16.20.15.jpg?zoom=2&amp;resize=229%2C229&amp;ssl=1 458w, https:\/\/i0.wp.com\/itayachtscanada.com\/wp-content\/uploads\/2025\/10\/Capture-decran-le-2025-10-23-a-16.20.15.jpg?zoom=3&amp;resize=229%2C229&amp;ssl=1 687w\" width=\"229\" height=\"229\" loading=\"lazy\" data-original-width=\"229\" data-original-height=\"229\" itemprop=\"http:\/\/schema.org\/image\" title=\"Capture d\u2019e\u0301cran, le 2025-10-23 a\u0300 16.20.15\" alt=\"Capture d\u2019e\u0301cran, le 2025-10-23 a\u0300 16.20.15\" style=\"width: 229px; height: 229px;\" \/> <\/a> <\/div> <\/div> <div class=\"gallery-group\" style=\"width: 233px; height: 233px;\" data-original-width=\"233\" data-original-height=\"233\" > <div class=\"tiled-gallery-item \" itemprop=\"associatedMedia\" itemscope itemtype=\"http:\/\/schema.org\/ImageObject\"> <a href=\"https:\/\/itayachtscanada.com\/fr\/listing\/ferretti-850-flybridge-2018-3750000-usd-for-sale\/capture-decran-le-2025-10-23-a-16-19-54\/\" border=\"0\" itemprop=\"url\"> <meta itemprop=\"width\" content=\"229\"> <meta itemprop=\"height\" content=\"229\"> <img decoding=\"async\" class=\"\" data-attachment-id=\"292086\" data-orig-file=\"https:\/\/itayachtscanada.com\/wp-content\/uploads\/2025\/10\/Capture-decran-le-2025-10-23-a-16.19.54.jpg\" data-orig-size=\"1404,938\" data-comments-opened=\"1\" data-image-meta=\"{&quot;aperture&quot;:&quot;0&quot;,&quot;credit&quot;:&quot;&quot;,&quot;camera&quot;:&quot;&quot;,&quot;caption&quot;:&quot;&quot;,&quot;created_timestamp&quot;:&quot;0&quot;,&quot;copyright&quot;:&quot;&quot;,&quot;focal_length&quot;:&quot;0&quot;,&quot;iso&quot;:&quot;0&quot;,&quot;shutter_speed&quot;:&quot;0&quot;,&quot;title&quot;:&quot;&quot;,&quot;orientation&quot;:&quot;0&quot;}\" data-image-title=\"Capture d\u2019e\u0301cran, le 2025-10-23 a\u0300 16.19.54\" data-image-description=\"\" data-medium-file=\"https:\/\/i0.wp.com\/itayachtscanada.com\/wp-content\/uploads\/2025\/10\/Capture-decran-le-2025-10-23-a-16.19.54.jpg?fit=300%2C200&#038;ssl=1\" data-large-file=\"https:\/\/i0.wp.com\/itayachtscanada.com\/wp-content\/uploads\/2025\/10\/Capture-decran-le-2025-10-23-a-16.19.54.jpg?fit=700%2C468&#038;ssl=1\" src=\"https:\/\/i0.wp.com\/itayachtscanada.com\/wp-content\/uploads\/2025\/10\/Capture-decran-le-2025-10-23-a-16.19.54.jpg?w=229&#038;h=229&#038;crop=1&#038;ssl=1\" srcset=\"https:\/\/i0.wp.com\/itayachtscanada.com\/wp-content\/uploads\/2025\/10\/Capture-decran-le-2025-10-23-a-16.19.54.jpg?resize=150%2C150&amp;ssl=1 150w, https:\/\/i0.wp.com\/itayachtscanada.com\/wp-content\/uploads\/2025\/10\/Capture-decran-le-2025-10-23-a-16.19.54.jpg?resize=60%2C60&amp;ssl=1 60w, https:\/\/i0.wp.com\/itayachtscanada.com\/wp-content\/uploads\/2025\/10\/Capture-decran-le-2025-10-23-a-16.19.54.jpg?resize=80%2C80&amp;ssl=1 80w, https:\/\/i0.wp.com\/itayachtscanada.com\/wp-content\/uploads\/2025\/10\/Capture-decran-le-2025-10-23-a-16.19.54.jpg?resize=100%2C100&amp;ssl=1 100w, https:\/\/i0.wp.com\/itayachtscanada.com\/wp-content\/uploads\/2025\/10\/Capture-decran-le-2025-10-23-a-16.19.54.jpg?resize=50%2C50&amp;ssl=1 50w, https:\/\/i0.wp.com\/itayachtscanada.com\/wp-content\/uploads\/2025\/10\/Capture-decran-le-2025-10-23-a-16.19.54.jpg?zoom=2&amp;resize=229%2C229&amp;ssl=1 458w, https:\/\/i0.wp.com\/itayachtscanada.com\/wp-content\/uploads\/2025\/10\/Capture-decran-le-2025-10-23-a-16.19.54.jpg?zoom=3&amp;resize=229%2C229&amp;ssl=1 687w\" width=\"229\" height=\"229\" loading=\"lazy\" data-original-width=\"229\" data-original-height=\"229\" itemprop=\"http:\/\/schema.org\/image\" title=\"Capture d\u2019e\u0301cran, le 2025-10-23 a\u0300 16.19.54\" alt=\"Capture d\u2019e\u0301cran, le 2025-10-23 a\u0300 16.19.54\" style=\"width: 229px; height: 229px;\" \/> <\/a> <\/div> <\/div> <\/div> <div class=\"gallery-row\" style=\"width: 700px; height: 233px;\" data-original-width=\"700\" data-original-height=\"233\" > <div class=\"gallery-group\" style=\"width: 233px; height: 233px;\" data-original-width=\"233\" data-original-height=\"233\" > <div class=\"tiled-gallery-item \" itemprop=\"associatedMedia\" itemscope itemtype=\"http:\/\/schema.org\/ImageObject\"> <a href=\"https:\/\/itayachtscanada.com\/fr\/listing\/ferretti-850-flybridge-2018-3750000-usd-for-sale\/capture-decran-le-2025-10-23-a-16-19-16\/\" border=\"0\" itemprop=\"url\"> <meta itemprop=\"width\" content=\"229\"> <meta itemprop=\"height\" content=\"229\"> <img decoding=\"async\" class=\"\" data-attachment-id=\"292098\" data-orig-file=\"https:\/\/itayachtscanada.com\/wp-content\/uploads\/2025\/10\/Capture-decran-le-2025-10-23-a-16.19.16.jpg\" data-orig-size=\"1404,938\" data-comments-opened=\"1\" data-image-meta=\"{&quot;aperture&quot;:&quot;0&quot;,&quot;credit&quot;:&quot;&quot;,&quot;camera&quot;:&quot;&quot;,&quot;caption&quot;:&quot;&quot;,&quot;created_timestamp&quot;:&quot;0&quot;,&quot;copyright&quot;:&quot;&quot;,&quot;focal_length&quot;:&quot;0&quot;,&quot;iso&quot;:&quot;0&quot;,&quot;shutter_speed&quot;:&quot;0&quot;,&quot;title&quot;:&quot;&quot;,&quot;orientation&quot;:&quot;0&quot;}\" data-image-title=\"Capture d\u2019e\u0301cran, le 2025-10-23 a\u0300 16.19.16\" data-image-description=\"\" data-medium-file=\"https:\/\/i0.wp.com\/itayachtscanada.com\/wp-content\/uploads\/2025\/10\/Capture-decran-le-2025-10-23-a-16.19.16.jpg?fit=300%2C200&#038;ssl=1\" data-large-file=\"https:\/\/i0.wp.com\/itayachtscanada.com\/wp-content\/uploads\/2025\/10\/Capture-decran-le-2025-10-23-a-16.19.16.jpg?fit=700%2C468&#038;ssl=1\" src=\"https:\/\/i0.wp.com\/itayachtscanada.com\/wp-content\/uploads\/2025\/10\/Capture-decran-le-2025-10-23-a-16.19.16.jpg?w=229&#038;h=229&#038;crop=1&#038;ssl=1\" srcset=\"https:\/\/i0.wp.com\/itayachtscanada.com\/wp-content\/uploads\/2025\/10\/Capture-decran-le-2025-10-23-a-16.19.16.jpg?resize=150%2C150&amp;ssl=1 150w, https:\/\/i0.wp.com\/itayachtscanada.com\/wp-content\/uploads\/2025\/10\/Capture-decran-le-2025-10-23-a-16.19.16.jpg?resize=60%2C60&amp;ssl=1 60w, https:\/\/i0.wp.com\/itayachtscanada.com\/wp-content\/uploads\/2025\/10\/Capture-decran-le-2025-10-23-a-16.19.16.jpg?resize=80%2C80&amp;ssl=1 80w, https:\/\/i0.wp.com\/itayachtscanada.com\/wp-content\/uploads\/2025\/10\/Capture-decran-le-2025-10-23-a-16.19.16.jpg?resize=100%2C100&amp;ssl=1 100w, https:\/\/i0.wp.com\/itayachtscanada.com\/wp-content\/uploads\/2025\/10\/Capture-decran-le-2025-10-23-a-16.19.16.jpg?resize=50%2C50&amp;ssl=1 50w, https:\/\/i0.wp.com\/itayachtscanada.com\/wp-content\/uploads\/2025\/10\/Capture-decran-le-2025-10-23-a-16.19.16.jpg?zoom=2&amp;resize=229%2C229&amp;ssl=1 458w, https:\/\/i0.wp.com\/itayachtscanada.com\/wp-content\/uploads\/2025\/10\/Capture-decran-le-2025-10-23-a-16.19.16.jpg?zoom=3&amp;resize=229%2C229&amp;ssl=1 687w\" width=\"229\" height=\"229\" loading=\"lazy\" data-original-width=\"229\" data-original-height=\"229\" itemprop=\"http:\/\/schema.org\/image\" title=\"Capture d\u2019e\u0301cran, le 2025-10-23 a\u0300 16.19.16\" alt=\"Capture d\u2019e\u0301cran, le 2025-10-23 a\u0300 16.19.16\" style=\"width: 229px; height: 229px;\" \/> <\/a> <\/div> <\/div> <div class=\"gallery-group\" style=\"width: 233px; height: 233px;\" data-original-width=\"233\" data-original-height=\"233\" > <div class=\"tiled-gallery-item \" itemprop=\"associatedMedia\" itemscope itemtype=\"http:\/\/schema.org\/ImageObject\"> <a href=\"https:\/\/itayachtscanada.com\/fr\/listing\/ferretti-850-flybridge-2018-3750000-usd-for-sale\/capture-decran-le-2025-10-23-a-16-19-13\/\" border=\"0\" itemprop=\"url\"> <meta itemprop=\"width\" content=\"229\"> <meta itemprop=\"height\" content=\"229\"> <img decoding=\"async\" class=\"\" data-attachment-id=\"292099\" data-orig-file=\"https:\/\/itayachtscanada.com\/wp-content\/uploads\/2025\/10\/Capture-decran-le-2025-10-23-a-16.19.13.jpg\" data-orig-size=\"1404,938\" data-comments-opened=\"1\" data-image-meta=\"{&quot;aperture&quot;:&quot;0&quot;,&quot;credit&quot;:&quot;&quot;,&quot;camera&quot;:&quot;&quot;,&quot;caption&quot;:&quot;&quot;,&quot;created_timestamp&quot;:&quot;0&quot;,&quot;copyright&quot;:&quot;&quot;,&quot;focal_length&quot;:&quot;0&quot;,&quot;iso&quot;:&quot;0&quot;,&quot;shutter_speed&quot;:&quot;0&quot;,&quot;title&quot;:&quot;&quot;,&quot;orientation&quot;:&quot;0&quot;}\" data-image-title=\"Capture d\u2019e\u0301cran, le 2025-10-23 a\u0300 16.19.13\" data-image-description=\"\" data-medium-file=\"https:\/\/i0.wp.com\/itayachtscanada.com\/wp-content\/uploads\/2025\/10\/Capture-decran-le-2025-10-23-a-16.19.13.jpg?fit=300%2C200&#038;ssl=1\" data-large-file=\"https:\/\/i0.wp.com\/itayachtscanada.com\/wp-content\/uploads\/2025\/10\/Capture-decran-le-2025-10-23-a-16.19.13.jpg?fit=700%2C468&#038;ssl=1\" src=\"https:\/\/i0.wp.com\/itayachtscanada.com\/wp-content\/uploads\/2025\/10\/Capture-decran-le-2025-10-23-a-16.19.13.jpg?w=229&#038;h=229&#038;crop=1&#038;ssl=1\" srcset=\"https:\/\/i0.wp.com\/itayachtscanada.com\/wp-content\/uploads\/2025\/10\/Capture-decran-le-2025-10-23-a-16.19.13.jpg?resize=150%2C150&amp;ssl=1 150w, https:\/\/i0.wp.com\/itayachtscanada.com\/wp-content\/uploads\/2025\/10\/Capture-decran-le-2025-10-23-a-16.19.13.jpg?resize=60%2C60&amp;ssl=1 60w, https:\/\/i0.wp.com\/itayachtscanada.com\/wp-content\/uploads\/2025\/10\/Capture-decran-le-2025-10-23-a-16.19.13.jpg?resize=80%2C80&amp;ssl=1 80w, https:\/\/i0.wp.com\/itayachtscanada.com\/wp-content\/uploads\/2025\/10\/Capture-decran-le-2025-10-23-a-16.19.13.jpg?resize=100%2C100&amp;ssl=1 100w, https:\/\/i0.wp.com\/itayachtscanada.com\/wp-content\/uploads\/2025\/10\/Capture-decran-le-2025-10-23-a-16.19.13.jpg?resize=50%2C50&amp;ssl=1 50w, https:\/\/i0.wp.com\/itayachtscanada.com\/wp-content\/uploads\/2025\/10\/Capture-decran-le-2025-10-23-a-16.19.13.jpg?zoom=2&amp;resize=229%2C229&amp;ssl=1 458w, https:\/\/i0.wp.com\/itayachtscanada.com\/wp-content\/uploads\/2025\/10\/Capture-decran-le-2025-10-23-a-16.19.13.jpg?zoom=3&amp;resize=229%2C229&amp;ssl=1 687w\" width=\"229\" height=\"229\" loading=\"lazy\" data-original-width=\"229\" data-original-height=\"229\" itemprop=\"http:\/\/schema.org\/image\" title=\"Capture d\u2019e\u0301cran, le 2025-10-23 a\u0300 16.19.13\" alt=\"Capture d\u2019e\u0301cran, le 2025-10-23 a\u0300 16.19.13\" style=\"width: 229px; height: 229px;\" \/> <\/a> <\/div> <\/div> <div class=\"gallery-group\" style=\"width: 233px; height: 233px;\" data-original-width=\"233\" data-original-height=\"233\" > <div class=\"tiled-gallery-item \" itemprop=\"associatedMedia\" itemscope itemtype=\"http:\/\/schema.org\/ImageObject\"> <a href=\"https:\/\/itayachtscanada.com\/fr\/listing\/ferretti-850-flybridge-2018-3750000-usd-for-sale\/capture-decran-le-2025-10-23-a-16-19-10\/\" border=\"0\" itemprop=\"url\"> <meta itemprop=\"width\" content=\"229\"> <meta itemprop=\"height\" content=\"229\"> <img decoding=\"async\" class=\"\" data-attachment-id=\"292100\" data-orig-file=\"https:\/\/itayachtscanada.com\/wp-content\/uploads\/2025\/10\/Capture-decran-le-2025-10-23-a-16.19.10.jpg\" data-orig-size=\"1404,938\" data-comments-opened=\"1\" data-image-meta=\"{&quot;aperture&quot;:&quot;0&quot;,&quot;credit&quot;:&quot;&quot;,&quot;camera&quot;:&quot;&quot;,&quot;caption&quot;:&quot;&quot;,&quot;created_timestamp&quot;:&quot;0&quot;,&quot;copyright&quot;:&quot;&quot;,&quot;focal_length&quot;:&quot;0&quot;,&quot;iso&quot;:&quot;0&quot;,&quot;shutter_speed&quot;:&quot;0&quot;,&quot;title&quot;:&quot;&quot;,&quot;orientation&quot;:&quot;0&quot;}\" data-image-title=\"Capture d\u2019e\u0301cran, le 2025-10-23 a\u0300 16.19.10\" data-image-description=\"\" data-medium-file=\"https:\/\/i0.wp.com\/itayachtscanada.com\/wp-content\/uploads\/2025\/10\/Capture-decran-le-2025-10-23-a-16.19.10.jpg?fit=300%2C200&#038;ssl=1\" data-large-file=\"https:\/\/i0.wp.com\/itayachtscanada.com\/wp-content\/uploads\/2025\/10\/Capture-decran-le-2025-10-23-a-16.19.10.jpg?fit=700%2C468&#038;ssl=1\" src=\"https:\/\/i0.wp.com\/itayachtscanada.com\/wp-content\/uploads\/2025\/10\/Capture-decran-le-2025-10-23-a-16.19.10.jpg?w=229&#038;h=229&#038;crop=1&#038;ssl=1\" srcset=\"https:\/\/i0.wp.com\/itayachtscanada.com\/wp-content\/uploads\/2025\/10\/Capture-decran-le-2025-10-23-a-16.19.10.jpg?resize=150%2C150&amp;ssl=1 150w, https:\/\/i0.wp.com\/itayachtscanada.com\/wp-content\/uploads\/2025\/10\/Capture-decran-le-2025-10-23-a-16.19.10.jpg?resize=60%2C60&amp;ssl=1 60w, https:\/\/i0.wp.com\/itayachtscanada.com\/wp-content\/uploads\/2025\/10\/Capture-decran-le-2025-10-23-a-16.19.10.jpg?resize=80%2C80&amp;ssl=1 80w, https:\/\/i0.wp.com\/itayachtscanada.com\/wp-content\/uploads\/2025\/10\/Capture-decran-le-2025-10-23-a-16.19.10.jpg?resize=100%2C100&amp;ssl=1 100w, https:\/\/i0.wp.com\/itayachtscanada.com\/wp-content\/uploads\/2025\/10\/Capture-decran-le-2025-10-23-a-16.19.10.jpg?resize=50%2C50&amp;ssl=1 50w, https:\/\/i0.wp.com\/itayachtscanada.com\/wp-content\/uploads\/2025\/10\/Capture-decran-le-2025-10-23-a-16.19.10.jpg?zoom=2&amp;resize=229%2C229&amp;ssl=1 458w, https:\/\/i0.wp.com\/itayachtscanada.com\/wp-content\/uploads\/2025\/10\/Capture-decran-le-2025-10-23-a-16.19.10.jpg?zoom=3&amp;resize=229%2C229&amp;ssl=1 687w\" width=\"229\" height=\"229\" loading=\"lazy\" data-original-width=\"229\" data-original-height=\"229\" itemprop=\"http:\/\/schema.org\/image\" title=\"Capture d\u2019e\u0301cran, le 2025-10-23 a\u0300 16.19.10\" alt=\"Capture d\u2019e\u0301cran, le 2025-10-23 a\u0300 16.19.10\" style=\"width: 229px; height: 229px;\" \/> <\/a> <\/div> <\/div> <\/div> <div class=\"gallery-row\" style=\"width: 700px; height: 233px;\" data-original-width=\"700\" data-original-height=\"233\" > <div class=\"gallery-group\" style=\"width: 233px; height: 233px;\" data-original-width=\"233\" data-original-height=\"233\" > <div class=\"tiled-gallery-item \" itemprop=\"associatedMedia\" itemscope itemtype=\"http:\/\/schema.org\/ImageObject\"> <a href=\"https:\/\/itayachtscanada.com\/fr\/listing\/ferretti-850-flybridge-2018-3750000-usd-for-sale\/capture-decran-le-2025-10-23-a-16-19-07\/\" border=\"0\" itemprop=\"url\"> <meta itemprop=\"width\" content=\"229\"> <meta itemprop=\"height\" content=\"229\"> <img decoding=\"async\" class=\"\" data-attachment-id=\"292101\" data-orig-file=\"https:\/\/itayachtscanada.com\/wp-content\/uploads\/2025\/10\/Capture-decran-le-2025-10-23-a-16.19.07.jpg\" data-orig-size=\"1404,938\" data-comments-opened=\"1\" data-image-meta=\"{&quot;aperture&quot;:&quot;0&quot;,&quot;credit&quot;:&quot;&quot;,&quot;camera&quot;:&quot;&quot;,&quot;caption&quot;:&quot;&quot;,&quot;created_timestamp&quot;:&quot;0&quot;,&quot;copyright&quot;:&quot;&quot;,&quot;focal_length&quot;:&quot;0&quot;,&quot;iso&quot;:&quot;0&quot;,&quot;shutter_speed&quot;:&quot;0&quot;,&quot;title&quot;:&quot;&quot;,&quot;orientation&quot;:&quot;0&quot;}\" data-image-title=\"Capture d\u2019e\u0301cran, le 2025-10-23 a\u0300 16.19.07\" data-image-description=\"\" data-medium-file=\"https:\/\/i0.wp.com\/itayachtscanada.com\/wp-content\/uploads\/2025\/10\/Capture-decran-le-2025-10-23-a-16.19.07.jpg?fit=300%2C200&#038;ssl=1\" data-large-file=\"https:\/\/i0.wp.com\/itayachtscanada.com\/wp-content\/uploads\/2025\/10\/Capture-decran-le-2025-10-23-a-16.19.07.jpg?fit=700%2C468&#038;ssl=1\" src=\"https:\/\/i0.wp.com\/itayachtscanada.com\/wp-content\/uploads\/2025\/10\/Capture-decran-le-2025-10-23-a-16.19.07.jpg?w=229&#038;h=229&#038;crop=1&#038;ssl=1\" srcset=\"https:\/\/i0.wp.com\/itayachtscanada.com\/wp-content\/uploads\/2025\/10\/Capture-decran-le-2025-10-23-a-16.19.07.jpg?resize=150%2C150&amp;ssl=1 150w, https:\/\/i0.wp.com\/itayachtscanada.com\/wp-content\/uploads\/2025\/10\/Capture-decran-le-2025-10-23-a-16.19.07.jpg?resize=60%2C60&amp;ssl=1 60w, https:\/\/i0.wp.com\/itayachtscanada.com\/wp-content\/uploads\/2025\/10\/Capture-decran-le-2025-10-23-a-16.19.07.jpg?resize=80%2C80&amp;ssl=1 80w, https:\/\/i0.wp.com\/itayachtscanada.com\/wp-content\/uploads\/2025\/10\/Capture-decran-le-2025-10-23-a-16.19.07.jpg?resize=100%2C100&amp;ssl=1 100w, https:\/\/i0.wp.com\/itayachtscanada.com\/wp-content\/uploads\/2025\/10\/Capture-decran-le-2025-10-23-a-16.19.07.jpg?resize=50%2C50&amp;ssl=1 50w, https:\/\/i0.wp.com\/itayachtscanada.com\/wp-content\/uploads\/2025\/10\/Capture-decran-le-2025-10-23-a-16.19.07.jpg?zoom=2&amp;resize=229%2C229&amp;ssl=1 458w, https:\/\/i0.wp.com\/itayachtscanada.com\/wp-content\/uploads\/2025\/10\/Capture-decran-le-2025-10-23-a-16.19.07.jpg?zoom=3&amp;resize=229%2C229&amp;ssl=1 687w\" width=\"229\" height=\"229\" loading=\"lazy\" data-original-width=\"229\" data-original-height=\"229\" itemprop=\"http:\/\/schema.org\/image\" title=\"Capture d\u2019e\u0301cran, le 2025-10-23 a\u0300 16.19.07\" alt=\"Capture d\u2019e\u0301cran, le 2025-10-23 a\u0300 16.19.07\" style=\"width: 229px; height: 229px;\" \/> <\/a> <\/div> <\/div> <div class=\"gallery-group\" style=\"width: 233px; height: 233px;\" data-original-width=\"233\" data-original-height=\"233\" > <div class=\"tiled-gallery-item \" itemprop=\"associatedMedia\" itemscope itemtype=\"http:\/\/schema.org\/ImageObject\"> <a href=\"https:\/\/itayachtscanada.com\/fr\/listing\/ferretti-850-flybridge-2018-3750000-usd-for-sale\/capture-decran-le-2025-10-23-a-16-19-04\/\" border=\"0\" itemprop=\"url\"> <meta itemprop=\"width\" content=\"229\"> <meta itemprop=\"height\" content=\"229\"> <img decoding=\"async\" class=\"\" data-attachment-id=\"292102\" data-orig-file=\"https:\/\/itayachtscanada.com\/wp-content\/uploads\/2025\/10\/Capture-decran-le-2025-10-23-a-16.19.04.jpg\" data-orig-size=\"1404,938\" data-comments-opened=\"1\" data-image-meta=\"{&quot;aperture&quot;:&quot;0&quot;,&quot;credit&quot;:&quot;&quot;,&quot;camera&quot;:&quot;&quot;,&quot;caption&quot;:&quot;&quot;,&quot;created_timestamp&quot;:&quot;0&quot;,&quot;copyright&quot;:&quot;&quot;,&quot;focal_length&quot;:&quot;0&quot;,&quot;iso&quot;:&quot;0&quot;,&quot;shutter_speed&quot;:&quot;0&quot;,&quot;title&quot;:&quot;&quot;,&quot;orientation&quot;:&quot;0&quot;}\" data-image-title=\"Capture d\u2019e\u0301cran, le 2025-10-23 a\u0300 16.19.04\" data-image-description=\"\" data-medium-file=\"https:\/\/i0.wp.com\/itayachtscanada.com\/wp-content\/uploads\/2025\/10\/Capture-decran-le-2025-10-23-a-16.19.04.jpg?fit=300%2C200&#038;ssl=1\" data-large-file=\"https:\/\/i0.wp.com\/itayachtscanada.com\/wp-content\/uploads\/2025\/10\/Capture-decran-le-2025-10-23-a-16.19.04.jpg?fit=700%2C468&#038;ssl=1\" src=\"https:\/\/i0.wp.com\/itayachtscanada.com\/wp-content\/uploads\/2025\/10\/Capture-decran-le-2025-10-23-a-16.19.04.jpg?w=229&#038;h=229&#038;crop=1&#038;ssl=1\" srcset=\"https:\/\/i0.wp.com\/itayachtscanada.com\/wp-content\/uploads\/2025\/10\/Capture-decran-le-2025-10-23-a-16.19.04.jpg?resize=150%2C150&amp;ssl=1 150w, https:\/\/i0.wp.com\/itayachtscanada.com\/wp-content\/uploads\/2025\/10\/Capture-decran-le-2025-10-23-a-16.19.04.jpg?resize=60%2C60&amp;ssl=1 60w, https:\/\/i0.wp.com\/itayachtscanada.com\/wp-content\/uploads\/2025\/10\/Capture-decran-le-2025-10-23-a-16.19.04.jpg?resize=80%2C80&amp;ssl=1 80w, https:\/\/i0.wp.com\/itayachtscanada.com\/wp-content\/uploads\/2025\/10\/Capture-decran-le-2025-10-23-a-16.19.04.jpg?resize=100%2C100&amp;ssl=1 100w, https:\/\/i0.wp.com\/itayachtscanada.com\/wp-content\/uploads\/2025\/10\/Capture-decran-le-2025-10-23-a-16.19.04.jpg?resize=50%2C50&amp;ssl=1 50w, https:\/\/i0.wp.com\/itayachtscanada.com\/wp-content\/uploads\/2025\/10\/Capture-decran-le-2025-10-23-a-16.19.04.jpg?zoom=2&amp;resize=229%2C229&amp;ssl=1 458w, https:\/\/i0.wp.com\/itayachtscanada.com\/wp-content\/uploads\/2025\/10\/Capture-decran-le-2025-10-23-a-16.19.04.jpg?zoom=3&amp;resize=229%2C229&amp;ssl=1 687w\" width=\"229\" height=\"229\" loading=\"lazy\" data-original-width=\"229\" data-original-height=\"229\" itemprop=\"http:\/\/schema.org\/image\" title=\"Capture d\u2019e\u0301cran, le 2025-10-23 a\u0300 16.19.04\" alt=\"Capture d\u2019e\u0301cran, le 2025-10-23 a\u0300 16.19.04\" style=\"width: 229px; height: 229px;\" \/> <\/a> <\/div> <\/div> <div class=\"gallery-group\" style=\"width: 233px; height: 233px;\" data-original-width=\"233\" data-original-height=\"233\" > <div class=\"tiled-gallery-item \" itemprop=\"associatedMedia\" itemscope itemtype=\"http:\/\/schema.org\/ImageObject\"> <a href=\"https:\/\/itayachtscanada.com\/fr\/listing\/ferretti-850-flybridge-2018-3750000-usd-for-sale\/capture-decran-le-2025-10-23-a-16-19-00\/\" border=\"0\" itemprop=\"url\"> <meta itemprop=\"width\" content=\"229\"> <meta itemprop=\"height\" content=\"229\"> <img decoding=\"async\" class=\"\" data-attachment-id=\"292103\" data-orig-file=\"https:\/\/itayachtscanada.com\/wp-content\/uploads\/2025\/10\/Capture-decran-le-2025-10-23-a-16.19.00.jpg\" data-orig-size=\"1404,938\" data-comments-opened=\"1\" data-image-meta=\"{&quot;aperture&quot;:&quot;0&quot;,&quot;credit&quot;:&quot;&quot;,&quot;camera&quot;:&quot;&quot;,&quot;caption&quot;:&quot;&quot;,&quot;created_timestamp&quot;:&quot;0&quot;,&quot;copyright&quot;:&quot;&quot;,&quot;focal_length&quot;:&quot;0&quot;,&quot;iso&quot;:&quot;0&quot;,&quot;shutter_speed&quot;:&quot;0&quot;,&quot;title&quot;:&quot;&quot;,&quot;orientation&quot;:&quot;0&quot;}\" data-image-title=\"Capture d\u2019e\u0301cran, le 2025-10-23 a\u0300 16.19.00\" data-image-description=\"\" data-medium-file=\"https:\/\/i0.wp.com\/itayachtscanada.com\/wp-content\/uploads\/2025\/10\/Capture-decran-le-2025-10-23-a-16.19.00.jpg?fit=300%2C200&#038;ssl=1\" data-large-file=\"https:\/\/i0.wp.com\/itayachtscanada.com\/wp-content\/uploads\/2025\/10\/Capture-decran-le-2025-10-23-a-16.19.00.jpg?fit=700%2C468&#038;ssl=1\" src=\"https:\/\/i0.wp.com\/itayachtscanada.com\/wp-content\/uploads\/2025\/10\/Capture-decran-le-2025-10-23-a-16.19.00.jpg?w=229&#038;h=229&#038;crop=1&#038;ssl=1\" srcset=\"https:\/\/i0.wp.com\/itayachtscanada.com\/wp-content\/uploads\/2025\/10\/Capture-decran-le-2025-10-23-a-16.19.00.jpg?resize=150%2C150&amp;ssl=1 150w, https:\/\/i0.wp.com\/itayachtscanada.com\/wp-content\/uploads\/2025\/10\/Capture-decran-le-2025-10-23-a-16.19.00.jpg?resize=60%2C60&amp;ssl=1 60w, https:\/\/i0.wp.com\/itayachtscanada.com\/wp-content\/uploads\/2025\/10\/Capture-decran-le-2025-10-23-a-16.19.00.jpg?resize=80%2C80&amp;ssl=1 80w, https:\/\/i0.wp.com\/itayachtscanada.com\/wp-content\/uploads\/2025\/10\/Capture-decran-le-2025-10-23-a-16.19.00.jpg?resize=100%2C100&amp;ssl=1 100w, https:\/\/i0.wp.com\/itayachtscanada.com\/wp-content\/uploads\/2025\/10\/Capture-decran-le-2025-10-23-a-16.19.00.jpg?resize=50%2C50&amp;ssl=1 50w, https:\/\/i0.wp.com\/itayachtscanada.com\/wp-content\/uploads\/2025\/10\/Capture-decran-le-2025-10-23-a-16.19.00.jpg?zoom=2&amp;resize=229%2C229&amp;ssl=1 458w, https:\/\/i0.wp.com\/itayachtscanada.com\/wp-content\/uploads\/2025\/10\/Capture-decran-le-2025-10-23-a-16.19.00.jpg?zoom=3&amp;resize=229%2C229&amp;ssl=1 687w\" width=\"229\" height=\"229\" loading=\"lazy\" data-original-width=\"229\" data-original-height=\"229\" itemprop=\"http:\/\/schema.org\/image\" title=\"Capture d\u2019e\u0301cran, le 2025-10-23 a\u0300 16.19.00\" alt=\"Capture d\u2019e\u0301cran, le 2025-10-23 a\u0300 16.19.00\" style=\"width: 229px; height: 229px;\" \/> <\/a> <\/div> <\/div> <\/div> <div class=\"gallery-row\" style=\"width: 700px; height: 233px;\" data-original-width=\"700\" data-original-height=\"233\" > <div class=\"gallery-group\" style=\"width: 233px; height: 233px;\" data-original-width=\"233\" data-original-height=\"233\" > <div class=\"tiled-gallery-item \" itemprop=\"associatedMedia\" itemscope itemtype=\"http:\/\/schema.org\/ImageObject\"> <a href=\"https:\/\/itayachtscanada.com\/fr\/listing\/ferretti-850-flybridge-2018-3750000-usd-for-sale\/capture-decran-le-2025-10-23-a-16-18-57\/\" border=\"0\" itemprop=\"url\"> <meta itemprop=\"width\" content=\"229\"> <meta itemprop=\"height\" content=\"229\"> <img decoding=\"async\" class=\"\" data-attachment-id=\"292104\" data-orig-file=\"https:\/\/itayachtscanada.com\/wp-content\/uploads\/2025\/10\/Capture-decran-le-2025-10-23-a-16.18.57.jpg\" data-orig-size=\"1404,938\" data-comments-opened=\"1\" data-image-meta=\"{&quot;aperture&quot;:&quot;0&quot;,&quot;credit&quot;:&quot;&quot;,&quot;camera&quot;:&quot;&quot;,&quot;caption&quot;:&quot;&quot;,&quot;created_timestamp&quot;:&quot;0&quot;,&quot;copyright&quot;:&quot;&quot;,&quot;focal_length&quot;:&quot;0&quot;,&quot;iso&quot;:&quot;0&quot;,&quot;shutter_speed&quot;:&quot;0&quot;,&quot;title&quot;:&quot;&quot;,&quot;orientation&quot;:&quot;0&quot;}\" data-image-title=\"Capture d\u2019e\u0301cran, le 2025-10-23 a\u0300 16.18.57\" data-image-description=\"\" data-medium-file=\"https:\/\/i0.wp.com\/itayachtscanada.com\/wp-content\/uploads\/2025\/10\/Capture-decran-le-2025-10-23-a-16.18.57.jpg?fit=300%2C200&#038;ssl=1\" data-large-file=\"https:\/\/i0.wp.com\/itayachtscanada.com\/wp-content\/uploads\/2025\/10\/Capture-decran-le-2025-10-23-a-16.18.57.jpg?fit=700%2C468&#038;ssl=1\" src=\"https:\/\/i0.wp.com\/itayachtscanada.com\/wp-content\/uploads\/2025\/10\/Capture-decran-le-2025-10-23-a-16.18.57.jpg?w=229&#038;h=229&#038;crop=1&#038;ssl=1\" srcset=\"https:\/\/i0.wp.com\/itayachtscanada.com\/wp-content\/uploads\/2025\/10\/Capture-decran-le-2025-10-23-a-16.18.57.jpg?resize=150%2C150&amp;ssl=1 150w, https:\/\/i0.wp.com\/itayachtscanada.com\/wp-content\/uploads\/2025\/10\/Capture-decran-le-2025-10-23-a-16.18.57.jpg?resize=60%2C60&amp;ssl=1 60w, https:\/\/i0.wp.com\/itayachtscanada.com\/wp-content\/uploads\/2025\/10\/Capture-decran-le-2025-10-23-a-16.18.57.jpg?resize=80%2C80&amp;ssl=1 80w, https:\/\/i0.wp.com\/itayachtscanada.com\/wp-content\/uploads\/2025\/10\/Capture-decran-le-2025-10-23-a-16.18.57.jpg?resize=100%2C100&amp;ssl=1 100w, https:\/\/i0.wp.com\/itayachtscanada.com\/wp-content\/uploads\/2025\/10\/Capture-decran-le-2025-10-23-a-16.18.57.jpg?resize=50%2C50&amp;ssl=1 50w, https:\/\/i0.wp.com\/itayachtscanada.com\/wp-content\/uploads\/2025\/10\/Capture-decran-le-2025-10-23-a-16.18.57.jpg?zoom=2&amp;resize=229%2C229&amp;ssl=1 458w, https:\/\/i0.wp.com\/itayachtscanada.com\/wp-content\/uploads\/2025\/10\/Capture-decran-le-2025-10-23-a-16.18.57.jpg?zoom=3&amp;resize=229%2C229&amp;ssl=1 687w\" width=\"229\" height=\"229\" loading=\"lazy\" data-original-width=\"229\" data-original-height=\"229\" itemprop=\"http:\/\/schema.org\/image\" title=\"Capture d\u2019e\u0301cran, le 2025-10-23 a\u0300 16.18.57\" alt=\"Capture d\u2019e\u0301cran, le 2025-10-23 a\u0300 16.18.57\" style=\"width: 229px; height: 229px;\" \/> <\/a> <\/div> <\/div> <div class=\"gallery-group\" style=\"width: 233px; height: 233px;\" data-original-width=\"233\" data-original-height=\"233\" > <div class=\"tiled-gallery-item \" itemprop=\"associatedMedia\" itemscope itemtype=\"http:\/\/schema.org\/ImageObject\"> <a href=\"https:\/\/itayachtscanada.com\/fr\/listing\/ferretti-850-flybridge-2018-3750000-usd-for-sale\/capture-decran-le-2025-10-23-a-16-20-09\/\" border=\"0\" itemprop=\"url\"> <meta itemprop=\"width\" content=\"229\"> <meta itemprop=\"height\" content=\"229\"> <img decoding=\"async\" class=\"\" data-attachment-id=\"292081\" data-orig-file=\"https:\/\/itayachtscanada.com\/wp-content\/uploads\/2025\/10\/Capture-decran-le-2025-10-23-a-16.20.09.jpg\" data-orig-size=\"1404,938\" data-comments-opened=\"1\" data-image-meta=\"{&quot;aperture&quot;:&quot;0&quot;,&quot;credit&quot;:&quot;&quot;,&quot;camera&quot;:&quot;&quot;,&quot;caption&quot;:&quot;&quot;,&quot;created_timestamp&quot;:&quot;0&quot;,&quot;copyright&quot;:&quot;&quot;,&quot;focal_length&quot;:&quot;0&quot;,&quot;iso&quot;:&quot;0&quot;,&quot;shutter_speed&quot;:&quot;0&quot;,&quot;title&quot;:&quot;&quot;,&quot;orientation&quot;:&quot;0&quot;}\" data-image-title=\"Capture d\u2019e\u0301cran, le 2025-10-23 a\u0300 16.20.09\" data-image-description=\"\" data-medium-file=\"https:\/\/i0.wp.com\/itayachtscanada.com\/wp-content\/uploads\/2025\/10\/Capture-decran-le-2025-10-23-a-16.20.09.jpg?fit=300%2C200&#038;ssl=1\" data-large-file=\"https:\/\/i0.wp.com\/itayachtscanada.com\/wp-content\/uploads\/2025\/10\/Capture-decran-le-2025-10-23-a-16.20.09.jpg?fit=700%2C468&#038;ssl=1\" src=\"https:\/\/i0.wp.com\/itayachtscanada.com\/wp-content\/uploads\/2025\/10\/Capture-decran-le-2025-10-23-a-16.20.09.jpg?w=229&#038;h=229&#038;crop=1&#038;ssl=1\" srcset=\"https:\/\/i0.wp.com\/itayachtscanada.com\/wp-content\/uploads\/2025\/10\/Capture-decran-le-2025-10-23-a-16.20.09.jpg?resize=150%2C150&amp;ssl=1 150w, https:\/\/i0.wp.com\/itayachtscanada.com\/wp-content\/uploads\/2025\/10\/Capture-decran-le-2025-10-23-a-16.20.09.jpg?resize=60%2C60&amp;ssl=1 60w, https:\/\/i0.wp.com\/itayachtscanada.com\/wp-content\/uploads\/2025\/10\/Capture-decran-le-2025-10-23-a-16.20.09.jpg?resize=80%2C80&amp;ssl=1 80w, https:\/\/i0.wp.com\/itayachtscanada.com\/wp-content\/uploads\/2025\/10\/Capture-decran-le-2025-10-23-a-16.20.09.jpg?resize=100%2C100&amp;ssl=1 100w, https:\/\/i0.wp.com\/itayachtscanada.com\/wp-content\/uploads\/2025\/10\/Capture-decran-le-2025-10-23-a-16.20.09.jpg?resize=50%2C50&amp;ssl=1 50w, https:\/\/i0.wp.com\/itayachtscanada.com\/wp-content\/uploads\/2025\/10\/Capture-decran-le-2025-10-23-a-16.20.09.jpg?zoom=2&amp;resize=229%2C229&amp;ssl=1 458w, https:\/\/i0.wp.com\/itayachtscanada.com\/wp-content\/uploads\/2025\/10\/Capture-decran-le-2025-10-23-a-16.20.09.jpg?zoom=3&amp;resize=229%2C229&amp;ssl=1 687w\" width=\"229\" height=\"229\" loading=\"lazy\" data-original-width=\"229\" data-original-height=\"229\" itemprop=\"http:\/\/schema.org\/image\" title=\"Capture d\u2019e\u0301cran, le 2025-10-23 a\u0300 16.20.09\" alt=\"Capture d\u2019e\u0301cran, le 2025-10-23 a\u0300 16.20.09\" style=\"width: 229px; height: 229px;\" \/> <\/a> <\/div> <\/div> <div class=\"gallery-group\" style=\"width: 233px; height: 233px;\" data-original-width=\"233\" data-original-height=\"233\" > <div class=\"tiled-gallery-item \" itemprop=\"associatedMedia\" itemscope itemtype=\"http:\/\/schema.org\/ImageObject\"> <a href=\"https:\/\/itayachtscanada.com\/fr\/listing\/ferretti-850-flybridge-2018-3750000-usd-for-sale\/capture-decran-le-2025-10-23-a-16-19-19\/\" border=\"0\" itemprop=\"url\"> <meta itemprop=\"width\" content=\"229\"> <meta itemprop=\"height\" content=\"229\"> <img decoding=\"async\" class=\"\" data-attachment-id=\"292097\" data-orig-file=\"https:\/\/itayachtscanada.com\/wp-content\/uploads\/2025\/10\/Capture-decran-le-2025-10-23-a-16.19.19.jpg\" data-orig-size=\"1404,938\" data-comments-opened=\"1\" data-image-meta=\"{&quot;aperture&quot;:&quot;0&quot;,&quot;credit&quot;:&quot;&quot;,&quot;camera&quot;:&quot;&quot;,&quot;caption&quot;:&quot;&quot;,&quot;created_timestamp&quot;:&quot;0&quot;,&quot;copyright&quot;:&quot;&quot;,&quot;focal_length&quot;:&quot;0&quot;,&quot;iso&quot;:&quot;0&quot;,&quot;shutter_speed&quot;:&quot;0&quot;,&quot;title&quot;:&quot;&quot;,&quot;orientation&quot;:&quot;0&quot;}\" data-image-title=\"Capture d\u2019e\u0301cran, le 2025-10-23 a\u0300 16.19.19\" data-image-description=\"\" data-medium-file=\"https:\/\/i0.wp.com\/itayachtscanada.com\/wp-content\/uploads\/2025\/10\/Capture-decran-le-2025-10-23-a-16.19.19.jpg?fit=300%2C200&#038;ssl=1\" data-large-file=\"https:\/\/i0.wp.com\/itayachtscanada.com\/wp-content\/uploads\/2025\/10\/Capture-decran-le-2025-10-23-a-16.19.19.jpg?fit=700%2C468&#038;ssl=1\" src=\"https:\/\/i0.wp.com\/itayachtscanada.com\/wp-content\/uploads\/2025\/10\/Capture-decran-le-2025-10-23-a-16.19.19.jpg?w=229&#038;h=229&#038;crop=1&#038;ssl=1\" srcset=\"https:\/\/i0.wp.com\/itayachtscanada.com\/wp-content\/uploads\/2025\/10\/Capture-decran-le-2025-10-23-a-16.19.19.jpg?resize=150%2C150&amp;ssl=1 150w, https:\/\/i0.wp.com\/itayachtscanada.com\/wp-content\/uploads\/2025\/10\/Capture-decran-le-2025-10-23-a-16.19.19.jpg?resize=60%2C60&amp;ssl=1 60w, https:\/\/i0.wp.com\/itayachtscanada.com\/wp-content\/uploads\/2025\/10\/Capture-decran-le-2025-10-23-a-16.19.19.jpg?resize=80%2C80&amp;ssl=1 80w, https:\/\/i0.wp.com\/itayachtscanada.com\/wp-content\/uploads\/2025\/10\/Capture-decran-le-2025-10-23-a-16.19.19.jpg?resize=100%2C100&amp;ssl=1 100w, https:\/\/i0.wp.com\/itayachtscanada.com\/wp-content\/uploads\/2025\/10\/Capture-decran-le-2025-10-23-a-16.19.19.jpg?resize=50%2C50&amp;ssl=1 50w, https:\/\/i0.wp.com\/itayachtscanada.com\/wp-content\/uploads\/2025\/10\/Capture-decran-le-2025-10-23-a-16.19.19.jpg?zoom=2&amp;resize=229%2C229&amp;ssl=1 458w, https:\/\/i0.wp.com\/itayachtscanada.com\/wp-content\/uploads\/2025\/10\/Capture-decran-le-2025-10-23-a-16.19.19.jpg?zoom=3&amp;resize=229%2C229&amp;ssl=1 687w\" width=\"229\" height=\"229\" loading=\"lazy\" data-original-width=\"229\" data-original-height=\"229\" itemprop=\"http:\/\/schema.org\/image\" title=\"Capture d\u2019e\u0301cran, le 2025-10-23 a\u0300 16.19.19\" alt=\"Capture d\u2019e\u0301cran, le 2025-10-23 a\u0300 16.19.19\" style=\"width: 229px; height: 229px;\" \/> <\/a> <\/div> <\/div> <\/div> <div class=\"gallery-row\" style=\"width: 700px; height: 233px;\" data-original-width=\"700\" data-original-height=\"233\" > <div class=\"gallery-group\" style=\"width: 233px; height: 233px;\" data-original-width=\"233\" data-original-height=\"233\" > <div class=\"tiled-gallery-item \" itemprop=\"associatedMedia\" itemscope itemtype=\"http:\/\/schema.org\/ImageObject\"> <a href=\"https:\/\/itayachtscanada.com\/fr\/listing\/ferretti-850-flybridge-2018-3750000-usd-for-sale\/capture-decran-le-2025-10-23-a-16-18-54\/\" border=\"0\" itemprop=\"url\"> <meta itemprop=\"width\" content=\"229\"> <meta itemprop=\"height\" content=\"229\"> <img decoding=\"async\" class=\"\" data-attachment-id=\"292105\" data-orig-file=\"https:\/\/itayachtscanada.com\/wp-content\/uploads\/2025\/10\/Capture-decran-le-2025-10-23-a-16.18.54.jpg\" data-orig-size=\"1404,938\" data-comments-opened=\"1\" data-image-meta=\"{&quot;aperture&quot;:&quot;0&quot;,&quot;credit&quot;:&quot;&quot;,&quot;camera&quot;:&quot;&quot;,&quot;caption&quot;:&quot;&quot;,&quot;created_timestamp&quot;:&quot;0&quot;,&quot;copyright&quot;:&quot;&quot;,&quot;focal_length&quot;:&quot;0&quot;,&quot;iso&quot;:&quot;0&quot;,&quot;shutter_speed&quot;:&quot;0&quot;,&quot;title&quot;:&quot;&quot;,&quot;orientation&quot;:&quot;0&quot;}\" data-image-title=\"Capture d\u2019e\u0301cran, le 2025-10-23 a\u0300 16.18.54\" data-image-description=\"\" data-medium-file=\"https:\/\/i0.wp.com\/itayachtscanada.com\/wp-content\/uploads\/2025\/10\/Capture-decran-le-2025-10-23-a-16.18.54.jpg?fit=300%2C200&#038;ssl=1\" data-large-file=\"https:\/\/i0.wp.com\/itayachtscanada.com\/wp-content\/uploads\/2025\/10\/Capture-decran-le-2025-10-23-a-16.18.54.jpg?fit=700%2C468&#038;ssl=1\" src=\"https:\/\/i0.wp.com\/itayachtscanada.com\/wp-content\/uploads\/2025\/10\/Capture-decran-le-2025-10-23-a-16.18.54.jpg?w=229&#038;h=229&#038;crop=1&#038;ssl=1\" srcset=\"https:\/\/i0.wp.com\/itayachtscanada.com\/wp-content\/uploads\/2025\/10\/Capture-decran-le-2025-10-23-a-16.18.54.jpg?resize=150%2C150&amp;ssl=1 150w, https:\/\/i0.wp.com\/itayachtscanada.com\/wp-content\/uploads\/2025\/10\/Capture-decran-le-2025-10-23-a-16.18.54.jpg?resize=60%2C60&amp;ssl=1 60w, https:\/\/i0.wp.com\/itayachtscanada.com\/wp-content\/uploads\/2025\/10\/Capture-decran-le-2025-10-23-a-16.18.54.jpg?resize=80%2C80&amp;ssl=1 80w, https:\/\/i0.wp.com\/itayachtscanada.com\/wp-content\/uploads\/2025\/10\/Capture-decran-le-2025-10-23-a-16.18.54.jpg?resize=100%2C100&amp;ssl=1 100w, https:\/\/i0.wp.com\/itayachtscanada.com\/wp-content\/uploads\/2025\/10\/Capture-decran-le-2025-10-23-a-16.18.54.jpg?resize=50%2C50&amp;ssl=1 50w, https:\/\/i0.wp.com\/itayachtscanada.com\/wp-content\/uploads\/2025\/10\/Capture-decran-le-2025-10-23-a-16.18.54.jpg?zoom=2&amp;resize=229%2C229&amp;ssl=1 458w, https:\/\/i0.wp.com\/itayachtscanada.com\/wp-content\/uploads\/2025\/10\/Capture-decran-le-2025-10-23-a-16.18.54.jpg?zoom=3&amp;resize=229%2C229&amp;ssl=1 687w\" width=\"229\" height=\"229\" loading=\"lazy\" data-original-width=\"229\" data-original-height=\"229\" itemprop=\"http:\/\/schema.org\/image\" title=\"Capture d\u2019e\u0301cran, le 2025-10-23 a\u0300 16.18.54\" alt=\"Capture d\u2019e\u0301cran, le 2025-10-23 a\u0300 16.18.54\" style=\"width: 229px; height: 229px;\" \/> <\/a> <\/div> <\/div> <div class=\"gallery-group\" style=\"width: 233px; height: 233px;\" data-original-width=\"233\" data-original-height=\"233\" > <div class=\"tiled-gallery-item \" itemprop=\"associatedMedia\" itemscope itemtype=\"http:\/\/schema.org\/ImageObject\"> <a href=\"https:\/\/itayachtscanada.com\/fr\/listing\/ferretti-850-flybridge-2018-3750000-usd-for-sale\/capture-decran-le-2025-10-23-a-16-20-21\/\" border=\"0\" itemprop=\"url\"> <meta itemprop=\"width\" content=\"229\"> <meta itemprop=\"height\" content=\"229\"> <img decoding=\"async\" class=\"\" data-attachment-id=\"292077\" data-orig-file=\"https:\/\/itayachtscanada.com\/wp-content\/uploads\/2025\/10\/Capture-decran-le-2025-10-23-a-16.20.21.jpg\" data-orig-size=\"1404,938\" data-comments-opened=\"1\" data-image-meta=\"{&quot;aperture&quot;:&quot;0&quot;,&quot;credit&quot;:&quot;&quot;,&quot;camera&quot;:&quot;&quot;,&quot;caption&quot;:&quot;&quot;,&quot;created_timestamp&quot;:&quot;0&quot;,&quot;copyright&quot;:&quot;&quot;,&quot;focal_length&quot;:&quot;0&quot;,&quot;iso&quot;:&quot;0&quot;,&quot;shutter_speed&quot;:&quot;0&quot;,&quot;title&quot;:&quot;&quot;,&quot;orientation&quot;:&quot;0&quot;}\" data-image-title=\"Capture d\u2019e\u0301cran, le 2025-10-23 a\u0300 16.20.21\" data-image-description=\"\" data-medium-file=\"https:\/\/i0.wp.com\/itayachtscanada.com\/wp-content\/uploads\/2025\/10\/Capture-decran-le-2025-10-23-a-16.20.21.jpg?fit=300%2C200&#038;ssl=1\" data-large-file=\"https:\/\/i0.wp.com\/itayachtscanada.com\/wp-content\/uploads\/2025\/10\/Capture-decran-le-2025-10-23-a-16.20.21.jpg?fit=700%2C468&#038;ssl=1\" src=\"https:\/\/i0.wp.com\/itayachtscanada.com\/wp-content\/uploads\/2025\/10\/Capture-decran-le-2025-10-23-a-16.20.21.jpg?w=229&#038;h=229&#038;crop=1&#038;ssl=1\" srcset=\"https:\/\/i0.wp.com\/itayachtscanada.com\/wp-content\/uploads\/2025\/10\/Capture-decran-le-2025-10-23-a-16.20.21.jpg?resize=150%2C150&amp;ssl=1 150w, https:\/\/i0.wp.com\/itayachtscanada.com\/wp-content\/uploads\/2025\/10\/Capture-decran-le-2025-10-23-a-16.20.21.jpg?resize=60%2C60&amp;ssl=1 60w, https:\/\/i0.wp.com\/itayachtscanada.com\/wp-content\/uploads\/2025\/10\/Capture-decran-le-2025-10-23-a-16.20.21.jpg?resize=80%2C80&amp;ssl=1 80w, https:\/\/i0.wp.com\/itayachtscanada.com\/wp-content\/uploads\/2025\/10\/Capture-decran-le-2025-10-23-a-16.20.21.jpg?resize=100%2C100&amp;ssl=1 100w, https:\/\/i0.wp.com\/itayachtscanada.com\/wp-content\/uploads\/2025\/10\/Capture-decran-le-2025-10-23-a-16.20.21.jpg?resize=50%2C50&amp;ssl=1 50w, https:\/\/i0.wp.com\/itayachtscanada.com\/wp-content\/uploads\/2025\/10\/Capture-decran-le-2025-10-23-a-16.20.21.jpg?zoom=2&amp;resize=229%2C229&amp;ssl=1 458w, https:\/\/i0.wp.com\/itayachtscanada.com\/wp-content\/uploads\/2025\/10\/Capture-decran-le-2025-10-23-a-16.20.21.jpg?zoom=3&amp;resize=229%2C229&amp;ssl=1 687w\" width=\"229\" height=\"229\" loading=\"lazy\" data-original-width=\"229\" data-original-height=\"229\" itemprop=\"http:\/\/schema.org\/image\" title=\"Capture d\u2019e\u0301cran, le 2025-10-23 a\u0300 16.20.21\" alt=\"Capture d\u2019e\u0301cran, le 2025-10-23 a\u0300 16.20.21\" style=\"width: 229px; height: 229px;\" \/> <\/a> <\/div> <\/div> <div class=\"gallery-group\" style=\"width: 233px; height: 233px;\" data-original-width=\"233\" data-original-height=\"233\" > <div class=\"tiled-gallery-item \" itemprop=\"associatedMedia\" itemscope itemtype=\"http:\/\/schema.org\/ImageObject\"> <a href=\"https:\/\/itayachtscanada.com\/fr\/listing\/ferretti-850-flybridge-2018-3750000-usd-for-sale\/capture-decran-le-2025-10-23-a-16-20-18\/\" border=\"0\" itemprop=\"url\"> <meta itemprop=\"width\" content=\"229\"> <meta itemprop=\"height\" content=\"229\"> <img decoding=\"async\" class=\"\" data-attachment-id=\"292078\" data-orig-file=\"https:\/\/itayachtscanada.com\/wp-content\/uploads\/2025\/10\/Capture-decran-le-2025-10-23-a-16.20.18.jpg\" data-orig-size=\"1404,938\" data-comments-opened=\"1\" data-image-meta=\"{&quot;aperture&quot;:&quot;0&quot;,&quot;credit&quot;:&quot;&quot;,&quot;camera&quot;:&quot;&quot;,&quot;caption&quot;:&quot;&quot;,&quot;created_timestamp&quot;:&quot;0&quot;,&quot;copyright&quot;:&quot;&quot;,&quot;focal_length&quot;:&quot;0&quot;,&quot;iso&quot;:&quot;0&quot;,&quot;shutter_speed&quot;:&quot;0&quot;,&quot;title&quot;:&quot;&quot;,&quot;orientation&quot;:&quot;0&quot;}\" data-image-title=\"Capture d\u2019e\u0301cran, le 2025-10-23 a\u0300 16.20.18\" data-image-description=\"\" data-medium-file=\"https:\/\/i0.wp.com\/itayachtscanada.com\/wp-content\/uploads\/2025\/10\/Capture-decran-le-2025-10-23-a-16.20.18.jpg?fit=300%2C200&#038;ssl=1\" data-large-file=\"https:\/\/i0.wp.com\/itayachtscanada.com\/wp-content\/uploads\/2025\/10\/Capture-decran-le-2025-10-23-a-16.20.18.jpg?fit=700%2C468&#038;ssl=1\" src=\"https:\/\/i0.wp.com\/itayachtscanada.com\/wp-content\/uploads\/2025\/10\/Capture-decran-le-2025-10-23-a-16.20.18.jpg?w=229&#038;h=229&#038;crop=1&#038;ssl=1\" srcset=\"https:\/\/i0.wp.com\/itayachtscanada.com\/wp-content\/uploads\/2025\/10\/Capture-decran-le-2025-10-23-a-16.20.18.jpg?resize=150%2C150&amp;ssl=1 150w, https:\/\/i0.wp.com\/itayachtscanada.com\/wp-content\/uploads\/2025\/10\/Capture-decran-le-2025-10-23-a-16.20.18.jpg?resize=60%2C60&amp;ssl=1 60w, https:\/\/i0.wp.com\/itayachtscanada.com\/wp-content\/uploads\/2025\/10\/Capture-decran-le-2025-10-23-a-16.20.18.jpg?resize=80%2C80&amp;ssl=1 80w, https:\/\/i0.wp.com\/itayachtscanada.com\/wp-content\/uploads\/2025\/10\/Capture-decran-le-2025-10-23-a-16.20.18.jpg?resize=100%2C100&amp;ssl=1 100w, https:\/\/i0.wp.com\/itayachtscanada.com\/wp-content\/uploads\/2025\/10\/Capture-decran-le-2025-10-23-a-16.20.18.jpg?resize=50%2C50&amp;ssl=1 50w, https:\/\/i0.wp.com\/itayachtscanada.com\/wp-content\/uploads\/2025\/10\/Capture-decran-le-2025-10-23-a-16.20.18.jpg?zoom=2&amp;resize=229%2C229&amp;ssl=1 458w, https:\/\/i0.wp.com\/itayachtscanada.com\/wp-content\/uploads\/2025\/10\/Capture-decran-le-2025-10-23-a-16.20.18.jpg?zoom=3&amp;resize=229%2C229&amp;ssl=1 687w\" width=\"229\" height=\"229\" loading=\"lazy\" data-original-width=\"229\" data-original-height=\"229\" itemprop=\"http:\/\/schema.org\/image\" title=\"Capture d\u2019e\u0301cran, le 2025-10-23 a\u0300 16.20.18\" alt=\"Capture d\u2019e\u0301cran, le 2025-10-23 a\u0300 16.20.18\" style=\"width: 229px; height: 229px;\" \/> <\/a> <\/div> <\/div> <\/div> <div class=\"gallery-row\" style=\"width: 700px; height: 233px;\" data-original-width=\"700\" data-original-height=\"233\" > <div class=\"gallery-group\" style=\"width: 233px; height: 233px;\" data-original-width=\"233\" data-original-height=\"233\" > <div class=\"tiled-gallery-item \" itemprop=\"associatedMedia\" itemscope itemtype=\"http:\/\/schema.org\/ImageObject\"> <a href=\"https:\/\/itayachtscanada.com\/fr\/listing\/ferretti-850-flybridge-2018-3750000-usd-for-sale\/capture-decran-le-2025-10-23-a-16-20-12\/\" border=\"0\" itemprop=\"url\"> <meta itemprop=\"width\" content=\"229\"> <meta itemprop=\"height\" content=\"229\"> <img decoding=\"async\" class=\"\" data-attachment-id=\"292080\" data-orig-file=\"https:\/\/itayachtscanada.com\/wp-content\/uploads\/2025\/10\/Capture-decran-le-2025-10-23-a-16.20.12.jpg\" data-orig-size=\"1404,938\" data-comments-opened=\"1\" data-image-meta=\"{&quot;aperture&quot;:&quot;0&quot;,&quot;credit&quot;:&quot;&quot;,&quot;camera&quot;:&quot;&quot;,&quot;caption&quot;:&quot;&quot;,&quot;created_timestamp&quot;:&quot;0&quot;,&quot;copyright&quot;:&quot;&quot;,&quot;focal_length&quot;:&quot;0&quot;,&quot;iso&quot;:&quot;0&quot;,&quot;shutter_speed&quot;:&quot;0&quot;,&quot;title&quot;:&quot;&quot;,&quot;orientation&quot;:&quot;0&quot;}\" data-image-title=\"Capture d\u2019e\u0301cran, le 2025-10-23 a\u0300 16.20.12\" data-image-description=\"\" data-medium-file=\"https:\/\/i0.wp.com\/itayachtscanada.com\/wp-content\/uploads\/2025\/10\/Capture-decran-le-2025-10-23-a-16.20.12.jpg?fit=300%2C200&#038;ssl=1\" data-large-file=\"https:\/\/i0.wp.com\/itayachtscanada.com\/wp-content\/uploads\/2025\/10\/Capture-decran-le-2025-10-23-a-16.20.12.jpg?fit=700%2C468&#038;ssl=1\" src=\"https:\/\/i0.wp.com\/itayachtscanada.com\/wp-content\/uploads\/2025\/10\/Capture-decran-le-2025-10-23-a-16.20.12.jpg?w=229&#038;h=229&#038;crop=1&#038;ssl=1\" srcset=\"https:\/\/i0.wp.com\/itayachtscanada.com\/wp-content\/uploads\/2025\/10\/Capture-decran-le-2025-10-23-a-16.20.12.jpg?resize=150%2C150&amp;ssl=1 150w, https:\/\/i0.wp.com\/itayachtscanada.com\/wp-content\/uploads\/2025\/10\/Capture-decran-le-2025-10-23-a-16.20.12.jpg?resize=60%2C60&amp;ssl=1 60w, https:\/\/i0.wp.com\/itayachtscanada.com\/wp-content\/uploads\/2025\/10\/Capture-decran-le-2025-10-23-a-16.20.12.jpg?resize=80%2C80&amp;ssl=1 80w, https:\/\/i0.wp.com\/itayachtscanada.com\/wp-content\/uploads\/2025\/10\/Capture-decran-le-2025-10-23-a-16.20.12.jpg?resize=100%2C100&amp;ssl=1 100w, https:\/\/i0.wp.com\/itayachtscanada.com\/wp-content\/uploads\/2025\/10\/Capture-decran-le-2025-10-23-a-16.20.12.jpg?resize=50%2C50&amp;ssl=1 50w, https:\/\/i0.wp.com\/itayachtscanada.com\/wp-content\/uploads\/2025\/10\/Capture-decran-le-2025-10-23-a-16.20.12.jpg?zoom=2&amp;resize=229%2C229&amp;ssl=1 458w, https:\/\/i0.wp.com\/itayachtscanada.com\/wp-content\/uploads\/2025\/10\/Capture-decran-le-2025-10-23-a-16.20.12.jpg?zoom=3&amp;resize=229%2C229&amp;ssl=1 687w\" width=\"229\" height=\"229\" loading=\"lazy\" data-original-width=\"229\" data-original-height=\"229\" itemprop=\"http:\/\/schema.org\/image\" title=\"Capture d\u2019e\u0301cran, le 2025-10-23 a\u0300 16.20.12\" alt=\"Capture d\u2019e\u0301cran, le 2025-10-23 a\u0300 16.20.12\" style=\"width: 229px; height: 229px;\" \/> <\/a> <\/div> <\/div> <div class=\"gallery-group\" style=\"width: 233px; height: 233px;\" data-original-width=\"233\" data-original-height=\"233\" > <div class=\"tiled-gallery-item \" itemprop=\"associatedMedia\" itemscope itemtype=\"http:\/\/schema.org\/ImageObject\"> <a href=\"https:\/\/itayachtscanada.com\/fr\/listing\/ferretti-850-flybridge-2018-3750000-usd-for-sale\/capture-decran-le-2025-10-23-a-16-20-06\/\" border=\"0\" itemprop=\"url\"> <meta itemprop=\"width\" content=\"229\"> <meta itemprop=\"height\" content=\"229\"> <img decoding=\"async\" class=\"\" data-attachment-id=\"292082\" data-orig-file=\"https:\/\/itayachtscanada.com\/wp-content\/uploads\/2025\/10\/Capture-decran-le-2025-10-23-a-16.20.06.jpg\" data-orig-size=\"1404,938\" data-comments-opened=\"1\" data-image-meta=\"{&quot;aperture&quot;:&quot;0&quot;,&quot;credit&quot;:&quot;&quot;,&quot;camera&quot;:&quot;&quot;,&quot;caption&quot;:&quot;&quot;,&quot;created_timestamp&quot;:&quot;0&quot;,&quot;copyright&quot;:&quot;&quot;,&quot;focal_length&quot;:&quot;0&quot;,&quot;iso&quot;:&quot;0&quot;,&quot;shutter_speed&quot;:&quot;0&quot;,&quot;title&quot;:&quot;&quot;,&quot;orientation&quot;:&quot;0&quot;}\" data-image-title=\"Capture d\u2019e\u0301cran, le 2025-10-23 a\u0300 16.20.06\" data-image-description=\"\" data-medium-file=\"https:\/\/i0.wp.com\/itayachtscanada.com\/wp-content\/uploads\/2025\/10\/Capture-decran-le-2025-10-23-a-16.20.06.jpg?fit=300%2C200&#038;ssl=1\" data-large-file=\"https:\/\/i0.wp.com\/itayachtscanada.com\/wp-content\/uploads\/2025\/10\/Capture-decran-le-2025-10-23-a-16.20.06.jpg?fit=700%2C468&#038;ssl=1\" src=\"https:\/\/i0.wp.com\/itayachtscanada.com\/wp-content\/uploads\/2025\/10\/Capture-decran-le-2025-10-23-a-16.20.06.jpg?w=229&#038;h=229&#038;crop=1&#038;ssl=1\" srcset=\"https:\/\/i0.wp.com\/itayachtscanada.com\/wp-content\/uploads\/2025\/10\/Capture-decran-le-2025-10-23-a-16.20.06.jpg?resize=150%2C150&amp;ssl=1 150w, https:\/\/i0.wp.com\/itayachtscanada.com\/wp-content\/uploads\/2025\/10\/Capture-decran-le-2025-10-23-a-16.20.06.jpg?resize=60%2C60&amp;ssl=1 60w, https:\/\/i0.wp.com\/itayachtscanada.com\/wp-content\/uploads\/2025\/10\/Capture-decran-le-2025-10-23-a-16.20.06.jpg?resize=80%2C80&amp;ssl=1 80w, https:\/\/i0.wp.com\/itayachtscanada.com\/wp-content\/uploads\/2025\/10\/Capture-decran-le-2025-10-23-a-16.20.06.jpg?resize=100%2C100&amp;ssl=1 100w, https:\/\/i0.wp.com\/itayachtscanada.com\/wp-content\/uploads\/2025\/10\/Capture-decran-le-2025-10-23-a-16.20.06.jpg?resize=50%2C50&amp;ssl=1 50w, https:\/\/i0.wp.com\/itayachtscanada.com\/wp-content\/uploads\/2025\/10\/Capture-decran-le-2025-10-23-a-16.20.06.jpg?zoom=2&amp;resize=229%2C229&amp;ssl=1 458w, https:\/\/i0.wp.com\/itayachtscanada.com\/wp-content\/uploads\/2025\/10\/Capture-decran-le-2025-10-23-a-16.20.06.jpg?zoom=3&amp;resize=229%2C229&amp;ssl=1 687w\" width=\"229\" height=\"229\" loading=\"lazy\" data-original-width=\"229\" data-original-height=\"229\" itemprop=\"http:\/\/schema.org\/image\" title=\"Capture d\u2019e\u0301cran, le 2025-10-23 a\u0300 16.20.06\" alt=\"Capture d\u2019e\u0301cran, le 2025-10-23 a\u0300 16.20.06\" style=\"width: 229px; height: 229px;\" \/> <\/a> <\/div> <\/div> <div class=\"gallery-group\" style=\"width: 233px; height: 233px;\" data-original-width=\"233\" data-original-height=\"233\" > <div class=\"tiled-gallery-item \" itemprop=\"associatedMedia\" itemscope itemtype=\"http:\/\/schema.org\/ImageObject\"> <a href=\"https:\/\/itayachtscanada.com\/fr\/listing\/ferretti-850-flybridge-2018-3750000-usd-for-sale\/capture-decran-le-2025-10-23-a-16-20-00\/\" border=\"0\" itemprop=\"url\"> <meta itemprop=\"width\" content=\"229\"> <meta itemprop=\"height\" content=\"229\"> <img decoding=\"async\" class=\"\" data-attachment-id=\"292084\" data-orig-file=\"https:\/\/itayachtscanada.com\/wp-content\/uploads\/2025\/10\/Capture-decran-le-2025-10-23-a-16.20.00.jpg\" data-orig-size=\"1404,938\" data-comments-opened=\"1\" data-image-meta=\"{&quot;aperture&quot;:&quot;0&quot;,&quot;credit&quot;:&quot;&quot;,&quot;camera&quot;:&quot;&quot;,&quot;caption&quot;:&quot;&quot;,&quot;created_timestamp&quot;:&quot;0&quot;,&quot;copyright&quot;:&quot;&quot;,&quot;focal_length&quot;:&quot;0&quot;,&quot;iso&quot;:&quot;0&quot;,&quot;shutter_speed&quot;:&quot;0&quot;,&quot;title&quot;:&quot;&quot;,&quot;orientation&quot;:&quot;0&quot;}\" data-image-title=\"Capture d\u2019e\u0301cran, le 2025-10-23 a\u0300 16.20.00\" data-image-description=\"\" data-medium-file=\"https:\/\/i0.wp.com\/itayachtscanada.com\/wp-content\/uploads\/2025\/10\/Capture-decran-le-2025-10-23-a-16.20.00.jpg?fit=300%2C200&#038;ssl=1\" data-large-file=\"https:\/\/i0.wp.com\/itayachtscanada.com\/wp-content\/uploads\/2025\/10\/Capture-decran-le-2025-10-23-a-16.20.00.jpg?fit=700%2C468&#038;ssl=1\" src=\"https:\/\/i0.wp.com\/itayachtscanada.com\/wp-content\/uploads\/2025\/10\/Capture-decran-le-2025-10-23-a-16.20.00.jpg?w=229&#038;h=229&#038;crop=1&#038;ssl=1\" srcset=\"https:\/\/i0.wp.com\/itayachtscanada.com\/wp-content\/uploads\/2025\/10\/Capture-decran-le-2025-10-23-a-16.20.00.jpg?resize=150%2C150&amp;ssl=1 150w, https:\/\/i0.wp.com\/itayachtscanada.com\/wp-content\/uploads\/2025\/10\/Capture-decran-le-2025-10-23-a-16.20.00.jpg?resize=60%2C60&amp;ssl=1 60w, https:\/\/i0.wp.com\/itayachtscanada.com\/wp-content\/uploads\/2025\/10\/Capture-decran-le-2025-10-23-a-16.20.00.jpg?resize=80%2C80&amp;ssl=1 80w, https:\/\/i0.wp.com\/itayachtscanada.com\/wp-content\/uploads\/2025\/10\/Capture-decran-le-2025-10-23-a-16.20.00.jpg?resize=100%2C100&amp;ssl=1 100w, https:\/\/i0.wp.com\/itayachtscanada.com\/wp-content\/uploads\/2025\/10\/Capture-decran-le-2025-10-23-a-16.20.00.jpg?resize=50%2C50&amp;ssl=1 50w, https:\/\/i0.wp.com\/itayachtscanada.com\/wp-content\/uploads\/2025\/10\/Capture-decran-le-2025-10-23-a-16.20.00.jpg?zoom=2&amp;resize=229%2C229&amp;ssl=1 458w, https:\/\/i0.wp.com\/itayachtscanada.com\/wp-content\/uploads\/2025\/10\/Capture-decran-le-2025-10-23-a-16.20.00.jpg?zoom=3&amp;resize=229%2C229&amp;ssl=1 687w\" width=\"229\" height=\"229\" loading=\"lazy\" data-original-width=\"229\" data-original-height=\"229\" itemprop=\"http:\/\/schema.org\/image\" title=\"Capture d\u2019e\u0301cran, le 2025-10-23 a\u0300 16.20.00\" alt=\"Capture d\u2019e\u0301cran, le 2025-10-23 a\u0300 16.20.00\" style=\"width: 229px; height: 229px;\" \/> <\/a> <\/div> <\/div> <\/div> <div class=\"gallery-row\" style=\"width: 700px; height: 233px;\" data-original-width=\"700\" data-original-height=\"233\" > <div class=\"gallery-group\" style=\"width: 233px; height: 233px;\" data-original-width=\"233\" data-original-height=\"233\" > <div class=\"tiled-gallery-item \" itemprop=\"associatedMedia\" itemscope itemtype=\"http:\/\/schema.org\/ImageObject\"> <a href=\"https:\/\/itayachtscanada.com\/fr\/listing\/ferretti-850-flybridge-2018-3750000-usd-for-sale\/capture-decran-le-2025-10-23-a-16-19-51\/\" border=\"0\" itemprop=\"url\"> <meta itemprop=\"width\" content=\"229\"> <meta itemprop=\"height\" content=\"229\"> <img decoding=\"async\" class=\"\" data-attachment-id=\"292087\" data-orig-file=\"https:\/\/itayachtscanada.com\/wp-content\/uploads\/2025\/10\/Capture-decran-le-2025-10-23-a-16.19.51.jpg\" data-orig-size=\"1404,938\" data-comments-opened=\"1\" data-image-meta=\"{&quot;aperture&quot;:&quot;0&quot;,&quot;credit&quot;:&quot;&quot;,&quot;camera&quot;:&quot;&quot;,&quot;caption&quot;:&quot;&quot;,&quot;created_timestamp&quot;:&quot;0&quot;,&quot;copyright&quot;:&quot;&quot;,&quot;focal_length&quot;:&quot;0&quot;,&quot;iso&quot;:&quot;0&quot;,&quot;shutter_speed&quot;:&quot;0&quot;,&quot;title&quot;:&quot;&quot;,&quot;orientation&quot;:&quot;0&quot;}\" data-image-title=\"Capture d\u2019e\u0301cran, le 2025-10-23 a\u0300 16.19.51\" data-image-description=\"\" data-medium-file=\"https:\/\/i0.wp.com\/itayachtscanada.com\/wp-content\/uploads\/2025\/10\/Capture-decran-le-2025-10-23-a-16.19.51.jpg?fit=300%2C200&#038;ssl=1\" data-large-file=\"https:\/\/i0.wp.com\/itayachtscanada.com\/wp-content\/uploads\/2025\/10\/Capture-decran-le-2025-10-23-a-16.19.51.jpg?fit=700%2C468&#038;ssl=1\" src=\"https:\/\/i0.wp.com\/itayachtscanada.com\/wp-content\/uploads\/2025\/10\/Capture-decran-le-2025-10-23-a-16.19.51.jpg?w=229&#038;h=229&#038;crop=1&#038;ssl=1\" srcset=\"https:\/\/i0.wp.com\/itayachtscanada.com\/wp-content\/uploads\/2025\/10\/Capture-decran-le-2025-10-23-a-16.19.51.jpg?resize=150%2C150&amp;ssl=1 150w, https:\/\/i0.wp.com\/itayachtscanada.com\/wp-content\/uploads\/2025\/10\/Capture-decran-le-2025-10-23-a-16.19.51.jpg?resize=60%2C60&amp;ssl=1 60w, https:\/\/i0.wp.com\/itayachtscanada.com\/wp-content\/uploads\/2025\/10\/Capture-decran-le-2025-10-23-a-16.19.51.jpg?resize=80%2C80&amp;ssl=1 80w, https:\/\/i0.wp.com\/itayachtscanada.com\/wp-content\/uploads\/2025\/10\/Capture-decran-le-2025-10-23-a-16.19.51.jpg?resize=100%2C100&amp;ssl=1 100w, https:\/\/i0.wp.com\/itayachtscanada.com\/wp-content\/uploads\/2025\/10\/Capture-decran-le-2025-10-23-a-16.19.51.jpg?resize=50%2C50&amp;ssl=1 50w, https:\/\/i0.wp.com\/itayachtscanada.com\/wp-content\/uploads\/2025\/10\/Capture-decran-le-2025-10-23-a-16.19.51.jpg?zoom=2&amp;resize=229%2C229&amp;ssl=1 458w, https:\/\/i0.wp.com\/itayachtscanada.com\/wp-content\/uploads\/2025\/10\/Capture-decran-le-2025-10-23-a-16.19.51.jpg?zoom=3&amp;resize=229%2C229&amp;ssl=1 687w\" width=\"229\" height=\"229\" loading=\"lazy\" data-original-width=\"229\" data-original-height=\"229\" itemprop=\"http:\/\/schema.org\/image\" title=\"Capture d\u2019e\u0301cran, le 2025-10-23 a\u0300 16.19.51\" alt=\"Capture d\u2019e\u0301cran, le 2025-10-23 a\u0300 16.19.51\" style=\"width: 229px; height: 229px;\" \/> <\/a> <\/div> <\/div> <div class=\"gallery-group\" style=\"width: 233px; height: 233px;\" data-original-width=\"233\" data-original-height=\"233\" > <div class=\"tiled-gallery-item \" itemprop=\"associatedMedia\" itemscope itemtype=\"http:\/\/schema.org\/ImageObject\"> <a href=\"https:\/\/itayachtscanada.com\/fr\/listing\/ferretti-850-flybridge-2018-3750000-usd-for-sale\/capture-decran-le-2025-10-23-a-16-19-48\/\" border=\"0\" itemprop=\"url\"> <meta itemprop=\"width\" content=\"229\"> <meta itemprop=\"height\" content=\"229\"> <img decoding=\"async\" class=\"\" data-attachment-id=\"292088\" data-orig-file=\"https:\/\/itayachtscanada.com\/wp-content\/uploads\/2025\/10\/Capture-decran-le-2025-10-23-a-16.19.48.jpg\" data-orig-size=\"1404,938\" data-comments-opened=\"1\" data-image-meta=\"{&quot;aperture&quot;:&quot;0&quot;,&quot;credit&quot;:&quot;&quot;,&quot;camera&quot;:&quot;&quot;,&quot;caption&quot;:&quot;&quot;,&quot;created_timestamp&quot;:&quot;0&quot;,&quot;copyright&quot;:&quot;&quot;,&quot;focal_length&quot;:&quot;0&quot;,&quot;iso&quot;:&quot;0&quot;,&quot;shutter_speed&quot;:&quot;0&quot;,&quot;title&quot;:&quot;&quot;,&quot;orientation&quot;:&quot;0&quot;}\" data-image-title=\"Capture d\u2019e\u0301cran, le 2025-10-23 a\u0300 16.19.48\" data-image-description=\"\" data-medium-file=\"https:\/\/i0.wp.com\/itayachtscanada.com\/wp-content\/uploads\/2025\/10\/Capture-decran-le-2025-10-23-a-16.19.48.jpg?fit=300%2C200&#038;ssl=1\" data-large-file=\"https:\/\/i0.wp.com\/itayachtscanada.com\/wp-content\/uploads\/2025\/10\/Capture-decran-le-2025-10-23-a-16.19.48.jpg?fit=700%2C468&#038;ssl=1\" src=\"https:\/\/i0.wp.com\/itayachtscanada.com\/wp-content\/uploads\/2025\/10\/Capture-decran-le-2025-10-23-a-16.19.48.jpg?w=229&#038;h=229&#038;crop=1&#038;ssl=1\" srcset=\"https:\/\/i0.wp.com\/itayachtscanada.com\/wp-content\/uploads\/2025\/10\/Capture-decran-le-2025-10-23-a-16.19.48.jpg?resize=150%2C150&amp;ssl=1 150w, https:\/\/i0.wp.com\/itayachtscanada.com\/wp-content\/uploads\/2025\/10\/Capture-decran-le-2025-10-23-a-16.19.48.jpg?resize=60%2C60&amp;ssl=1 60w, https:\/\/i0.wp.com\/itayachtscanada.com\/wp-content\/uploads\/2025\/10\/Capture-decran-le-2025-10-23-a-16.19.48.jpg?resize=80%2C80&amp;ssl=1 80w, https:\/\/i0.wp.com\/itayachtscanada.com\/wp-content\/uploads\/2025\/10\/Capture-decran-le-2025-10-23-a-16.19.48.jpg?resize=100%2C100&amp;ssl=1 100w, https:\/\/i0.wp.com\/itayachtscanada.com\/wp-content\/uploads\/2025\/10\/Capture-decran-le-2025-10-23-a-16.19.48.jpg?resize=50%2C50&amp;ssl=1 50w, https:\/\/i0.wp.com\/itayachtscanada.com\/wp-content\/uploads\/2025\/10\/Capture-decran-le-2025-10-23-a-16.19.48.jpg?zoom=2&amp;resize=229%2C229&amp;ssl=1 458w, https:\/\/i0.wp.com\/itayachtscanada.com\/wp-content\/uploads\/2025\/10\/Capture-decran-le-2025-10-23-a-16.19.48.jpg?zoom=3&amp;resize=229%2C229&amp;ssl=1 687w\" width=\"229\" height=\"229\" loading=\"lazy\" data-original-width=\"229\" data-original-height=\"229\" itemprop=\"http:\/\/schema.org\/image\" title=\"Capture d\u2019e\u0301cran, le 2025-10-23 a\u0300 16.19.48\" alt=\"Capture d\u2019e\u0301cran, le 2025-10-23 a\u0300 16.19.48\" style=\"width: 229px; height: 229px;\" \/> <\/a> <\/div> <\/div> <div class=\"gallery-group\" style=\"width: 233px; height: 233px;\" data-original-width=\"233\" data-original-height=\"233\" > <div class=\"tiled-gallery-item \" itemprop=\"associatedMedia\" itemscope itemtype=\"http:\/\/schema.org\/ImageObject\"> <a href=\"https:\/\/itayachtscanada.com\/fr\/listing\/ferretti-850-flybridge-2018-3750000-usd-for-sale\/capture-decran-le-2025-10-23-a-16-19-45\/\" border=\"0\" itemprop=\"url\"> <meta itemprop=\"width\" content=\"229\"> <meta itemprop=\"height\" content=\"229\"> <img decoding=\"async\" class=\"\" data-attachment-id=\"292089\" data-orig-file=\"https:\/\/itayachtscanada.com\/wp-content\/uploads\/2025\/10\/Capture-decran-le-2025-10-23-a-16.19.45.jpg\" data-orig-size=\"1404,938\" data-comments-opened=\"1\" data-image-meta=\"{&quot;aperture&quot;:&quot;0&quot;,&quot;credit&quot;:&quot;&quot;,&quot;camera&quot;:&quot;&quot;,&quot;caption&quot;:&quot;&quot;,&quot;created_timestamp&quot;:&quot;0&quot;,&quot;copyright&quot;:&quot;&quot;,&quot;focal_length&quot;:&quot;0&quot;,&quot;iso&quot;:&quot;0&quot;,&quot;shutter_speed&quot;:&quot;0&quot;,&quot;title&quot;:&quot;&quot;,&quot;orientation&quot;:&quot;0&quot;}\" data-image-title=\"Capture d\u2019e\u0301cran, le 2025-10-23 a\u0300 16.19.45\" data-image-description=\"\" data-medium-file=\"https:\/\/i0.wp.com\/itayachtscanada.com\/wp-content\/uploads\/2025\/10\/Capture-decran-le-2025-10-23-a-16.19.45.jpg?fit=300%2C200&#038;ssl=1\" data-large-file=\"https:\/\/i0.wp.com\/itayachtscanada.com\/wp-content\/uploads\/2025\/10\/Capture-decran-le-2025-10-23-a-16.19.45.jpg?fit=700%2C468&#038;ssl=1\" src=\"https:\/\/i0.wp.com\/itayachtscanada.com\/wp-content\/uploads\/2025\/10\/Capture-decran-le-2025-10-23-a-16.19.45.jpg?w=229&#038;h=229&#038;crop=1&#038;ssl=1\" srcset=\"https:\/\/i0.wp.com\/itayachtscanada.com\/wp-content\/uploads\/2025\/10\/Capture-decran-le-2025-10-23-a-16.19.45.jpg?resize=150%2C150&amp;ssl=1 150w, https:\/\/i0.wp.com\/itayachtscanada.com\/wp-content\/uploads\/2025\/10\/Capture-decran-le-2025-10-23-a-16.19.45.jpg?resize=60%2C60&amp;ssl=1 60w, https:\/\/i0.wp.com\/itayachtscanada.com\/wp-content\/uploads\/2025\/10\/Capture-decran-le-2025-10-23-a-16.19.45.jpg?resize=80%2C80&amp;ssl=1 80w, https:\/\/i0.wp.com\/itayachtscanada.com\/wp-content\/uploads\/2025\/10\/Capture-decran-le-2025-10-23-a-16.19.45.jpg?resize=100%2C100&amp;ssl=1 100w, https:\/\/i0.wp.com\/itayachtscanada.com\/wp-content\/uploads\/2025\/10\/Capture-decran-le-2025-10-23-a-16.19.45.jpg?resize=50%2C50&amp;ssl=1 50w, https:\/\/i0.wp.com\/itayachtscanada.com\/wp-content\/uploads\/2025\/10\/Capture-decran-le-2025-10-23-a-16.19.45.jpg?zoom=2&amp;resize=229%2C229&amp;ssl=1 458w, https:\/\/i0.wp.com\/itayachtscanada.com\/wp-content\/uploads\/2025\/10\/Capture-decran-le-2025-10-23-a-16.19.45.jpg?zoom=3&amp;resize=229%2C229&amp;ssl=1 687w\" width=\"229\" height=\"229\" loading=\"lazy\" data-original-width=\"229\" data-original-height=\"229\" itemprop=\"http:\/\/schema.org\/image\" title=\"Capture d\u2019e\u0301cran, le 2025-10-23 a\u0300 16.19.45\" alt=\"Capture d\u2019e\u0301cran, le 2025-10-23 a\u0300 16.19.45\" style=\"width: 229px; height: 229px;\" \/> <\/a> <\/div> <\/div> <\/div> <div class=\"gallery-row\" style=\"width: 700px; height: 233px;\" data-original-width=\"700\" data-original-height=\"233\" > <div class=\"gallery-group\" style=\"width: 233px; height: 233px;\" data-original-width=\"233\" data-original-height=\"233\" > <div class=\"tiled-gallery-item \" itemprop=\"associatedMedia\" itemscope itemtype=\"http:\/\/schema.org\/ImageObject\"> <a href=\"https:\/\/itayachtscanada.com\/fr\/listing\/ferretti-850-flybridge-2018-3750000-usd-for-sale\/capture-decran-le-2025-10-23-a-16-19-32\/\" border=\"0\" itemprop=\"url\"> <meta itemprop=\"width\" content=\"229\"> <meta itemprop=\"height\" content=\"229\"> <img decoding=\"async\" class=\"\" data-attachment-id=\"292093\" data-orig-file=\"https:\/\/itayachtscanada.com\/wp-content\/uploads\/2025\/10\/Capture-decran-le-2025-10-23-a-16.19.32.jpg\" data-orig-size=\"1404,938\" data-comments-opened=\"1\" data-image-meta=\"{&quot;aperture&quot;:&quot;0&quot;,&quot;credit&quot;:&quot;&quot;,&quot;camera&quot;:&quot;&quot;,&quot;caption&quot;:&quot;&quot;,&quot;created_timestamp&quot;:&quot;0&quot;,&quot;copyright&quot;:&quot;&quot;,&quot;focal_length&quot;:&quot;0&quot;,&quot;iso&quot;:&quot;0&quot;,&quot;shutter_speed&quot;:&quot;0&quot;,&quot;title&quot;:&quot;&quot;,&quot;orientation&quot;:&quot;0&quot;}\" data-image-title=\"Capture d\u2019e\u0301cran, le 2025-10-23 a\u0300 16.19.32\" data-image-description=\"\" data-medium-file=\"https:\/\/i0.wp.com\/itayachtscanada.com\/wp-content\/uploads\/2025\/10\/Capture-decran-le-2025-10-23-a-16.19.32.jpg?fit=300%2C200&#038;ssl=1\" data-large-file=\"https:\/\/i0.wp.com\/itayachtscanada.com\/wp-content\/uploads\/2025\/10\/Capture-decran-le-2025-10-23-a-16.19.32.jpg?fit=700%2C468&#038;ssl=1\" src=\"https:\/\/i0.wp.com\/itayachtscanada.com\/wp-content\/uploads\/2025\/10\/Capture-decran-le-2025-10-23-a-16.19.32.jpg?w=229&#038;h=229&#038;crop=1&#038;ssl=1\" srcset=\"https:\/\/i0.wp.com\/itayachtscanada.com\/wp-content\/uploads\/2025\/10\/Capture-decran-le-2025-10-23-a-16.19.32.jpg?resize=150%2C150&amp;ssl=1 150w, https:\/\/i0.wp.com\/itayachtscanada.com\/wp-content\/uploads\/2025\/10\/Capture-decran-le-2025-10-23-a-16.19.32.jpg?resize=60%2C60&amp;ssl=1 60w, https:\/\/i0.wp.com\/itayachtscanada.com\/wp-content\/uploads\/2025\/10\/Capture-decran-le-2025-10-23-a-16.19.32.jpg?resize=80%2C80&amp;ssl=1 80w, https:\/\/i0.wp.com\/itayachtscanada.com\/wp-content\/uploads\/2025\/10\/Capture-decran-le-2025-10-23-a-16.19.32.jpg?resize=100%2C100&amp;ssl=1 100w, https:\/\/i0.wp.com\/itayachtscanada.com\/wp-content\/uploads\/2025\/10\/Capture-decran-le-2025-10-23-a-16.19.32.jpg?resize=50%2C50&amp;ssl=1 50w, https:\/\/i0.wp.com\/itayachtscanada.com\/wp-content\/uploads\/2025\/10\/Capture-decran-le-2025-10-23-a-16.19.32.jpg?zoom=2&amp;resize=229%2C229&amp;ssl=1 458w, https:\/\/i0.wp.com\/itayachtscanada.com\/wp-content\/uploads\/2025\/10\/Capture-decran-le-2025-10-23-a-16.19.32.jpg?zoom=3&amp;resize=229%2C229&amp;ssl=1 687w\" width=\"229\" height=\"229\" loading=\"lazy\" data-original-width=\"229\" data-original-height=\"229\" itemprop=\"http:\/\/schema.org\/image\" title=\"Capture d\u2019e\u0301cran, le 2025-10-23 a\u0300 16.19.32\" alt=\"Capture d\u2019e\u0301cran, le 2025-10-23 a\u0300 16.19.32\" style=\"width: 229px; height: 229px;\" \/> <\/a> <\/div> <\/div> <div class=\"gallery-group\" style=\"width: 233px; height: 233px;\" data-original-width=\"233\" data-original-height=\"233\" > <div class=\"tiled-gallery-item \" itemprop=\"associatedMedia\" itemscope itemtype=\"http:\/\/schema.org\/ImageObject\"> <a href=\"https:\/\/itayachtscanada.com\/fr\/listing\/ferretti-850-flybridge-2018-3750000-usd-for-sale\/capture-decran-le-2025-10-23-a-16-19-29\/\" border=\"0\" itemprop=\"url\"> <meta itemprop=\"width\" content=\"229\"> <meta itemprop=\"height\" content=\"229\"> <img decoding=\"async\" class=\"\" data-attachment-id=\"292094\" data-orig-file=\"https:\/\/itayachtscanada.com\/wp-content\/uploads\/2025\/10\/Capture-decran-le-2025-10-23-a-16.19.29.jpg\" data-orig-size=\"1404,938\" data-comments-opened=\"1\" data-image-meta=\"{&quot;aperture&quot;:&quot;0&quot;,&quot;credit&quot;:&quot;&quot;,&quot;camera&quot;:&quot;&quot;,&quot;caption&quot;:&quot;&quot;,&quot;created_timestamp&quot;:&quot;0&quot;,&quot;copyright&quot;:&quot;&quot;,&quot;focal_length&quot;:&quot;0&quot;,&quot;iso&quot;:&quot;0&quot;,&quot;shutter_speed&quot;:&quot;0&quot;,&quot;title&quot;:&quot;&quot;,&quot;orientation&quot;:&quot;0&quot;}\" data-image-title=\"Capture d\u2019e\u0301cran, le 2025-10-23 a\u0300 16.19.29\" data-image-description=\"\" data-medium-file=\"https:\/\/i0.wp.com\/itayachtscanada.com\/wp-content\/uploads\/2025\/10\/Capture-decran-le-2025-10-23-a-16.19.29.jpg?fit=300%2C200&#038;ssl=1\" data-large-file=\"https:\/\/i0.wp.com\/itayachtscanada.com\/wp-content\/uploads\/2025\/10\/Capture-decran-le-2025-10-23-a-16.19.29.jpg?fit=700%2C468&#038;ssl=1\" src=\"https:\/\/i0.wp.com\/itayachtscanada.com\/wp-content\/uploads\/2025\/10\/Capture-decran-le-2025-10-23-a-16.19.29.jpg?w=229&#038;h=229&#038;crop=1&#038;ssl=1\" srcset=\"https:\/\/i0.wp.com\/itayachtscanada.com\/wp-content\/uploads\/2025\/10\/Capture-decran-le-2025-10-23-a-16.19.29.jpg?resize=150%2C150&amp;ssl=1 150w, https:\/\/i0.wp.com\/itayachtscanada.com\/wp-content\/uploads\/2025\/10\/Capture-decran-le-2025-10-23-a-16.19.29.jpg?resize=60%2C60&amp;ssl=1 60w, https:\/\/i0.wp.com\/itayachtscanada.com\/wp-content\/uploads\/2025\/10\/Capture-decran-le-2025-10-23-a-16.19.29.jpg?resize=80%2C80&amp;ssl=1 80w, https:\/\/i0.wp.com\/itayachtscanada.com\/wp-content\/uploads\/2025\/10\/Capture-decran-le-2025-10-23-a-16.19.29.jpg?resize=100%2C100&amp;ssl=1 100w, https:\/\/i0.wp.com\/itayachtscanada.com\/wp-content\/uploads\/2025\/10\/Capture-decran-le-2025-10-23-a-16.19.29.jpg?resize=50%2C50&amp;ssl=1 50w, https:\/\/i0.wp.com\/itayachtscanada.com\/wp-content\/uploads\/2025\/10\/Capture-decran-le-2025-10-23-a-16.19.29.jpg?zoom=2&amp;resize=229%2C229&amp;ssl=1 458w, https:\/\/i0.wp.com\/itayachtscanada.com\/wp-content\/uploads\/2025\/10\/Capture-decran-le-2025-10-23-a-16.19.29.jpg?zoom=3&amp;resize=229%2C229&amp;ssl=1 687w\" width=\"229\" height=\"229\" loading=\"lazy\" data-original-width=\"229\" data-original-height=\"229\" itemprop=\"http:\/\/schema.org\/image\" title=\"Capture d\u2019e\u0301cran, le 2025-10-23 a\u0300 16.19.29\" alt=\"Capture d\u2019e\u0301cran, le 2025-10-23 a\u0300 16.19.29\" style=\"width: 229px; height: 229px;\" \/> <\/a> <\/div> <\/div> <div class=\"gallery-group\" style=\"width: 233px; height: 233px;\" data-original-width=\"233\" data-original-height=\"233\" > <div class=\"tiled-gallery-item \" itemprop=\"associatedMedia\" itemscope itemtype=\"http:\/\/schema.org\/ImageObject\"> <a href=\"https:\/\/itayachtscanada.com\/fr\/listing\/ferretti-850-flybridge-2018-3750000-usd-for-sale\/capture-decran-le-2025-10-23-a-16-19-25\/\" border=\"0\" itemprop=\"url\"> <meta itemprop=\"width\" content=\"229\"> <meta itemprop=\"height\" content=\"229\"> <img decoding=\"async\" class=\"\" data-attachment-id=\"292095\" data-orig-file=\"https:\/\/itayachtscanada.com\/wp-content\/uploads\/2025\/10\/Capture-decran-le-2025-10-23-a-16.19.25.jpg\" data-orig-size=\"1404,938\" data-comments-opened=\"1\" data-image-meta=\"{&quot;aperture&quot;:&quot;0&quot;,&quot;credit&quot;:&quot;&quot;,&quot;camera&quot;:&quot;&quot;,&quot;caption&quot;:&quot;&quot;,&quot;created_timestamp&quot;:&quot;0&quot;,&quot;copyright&quot;:&quot;&quot;,&quot;focal_length&quot;:&quot;0&quot;,&quot;iso&quot;:&quot;0&quot;,&quot;shutter_speed&quot;:&quot;0&quot;,&quot;title&quot;:&quot;&quot;,&quot;orientation&quot;:&quot;0&quot;}\" data-image-title=\"Capture d\u2019e\u0301cran, le 2025-10-23 a\u0300 16.19.25\" data-image-description=\"\" data-medium-file=\"https:\/\/i0.wp.com\/itayachtscanada.com\/wp-content\/uploads\/2025\/10\/Capture-decran-le-2025-10-23-a-16.19.25.jpg?fit=300%2C200&#038;ssl=1\" data-large-file=\"https:\/\/i0.wp.com\/itayachtscanada.com\/wp-content\/uploads\/2025\/10\/Capture-decran-le-2025-10-23-a-16.19.25.jpg?fit=700%2C468&#038;ssl=1\" src=\"https:\/\/i0.wp.com\/itayachtscanada.com\/wp-content\/uploads\/2025\/10\/Capture-decran-le-2025-10-23-a-16.19.25.jpg?w=229&#038;h=229&#038;crop=1&#038;ssl=1\" srcset=\"https:\/\/i0.wp.com\/itayachtscanada.com\/wp-content\/uploads\/2025\/10\/Capture-decran-le-2025-10-23-a-16.19.25.jpg?resize=150%2C150&amp;ssl=1 150w, https:\/\/i0.wp.com\/itayachtscanada.com\/wp-content\/uploads\/2025\/10\/Capture-decran-le-2025-10-23-a-16.19.25.jpg?resize=60%2C60&amp;ssl=1 60w, https:\/\/i0.wp.com\/itayachtscanada.com\/wp-content\/uploads\/2025\/10\/Capture-decran-le-2025-10-23-a-16.19.25.jpg?resize=80%2C80&amp;ssl=1 80w, https:\/\/i0.wp.com\/itayachtscanada.com\/wp-content\/uploads\/2025\/10\/Capture-decran-le-2025-10-23-a-16.19.25.jpg?resize=100%2C100&amp;ssl=1 100w, https:\/\/i0.wp.com\/itayachtscanada.com\/wp-content\/uploads\/2025\/10\/Capture-decran-le-2025-10-23-a-16.19.25.jpg?resize=50%2C50&amp;ssl=1 50w, https:\/\/i0.wp.com\/itayachtscanada.com\/wp-content\/uploads\/2025\/10\/Capture-decran-le-2025-10-23-a-16.19.25.jpg?zoom=2&amp;resize=229%2C229&amp;ssl=1 458w, https:\/\/i0.wp.com\/itayachtscanada.com\/wp-content\/uploads\/2025\/10\/Capture-decran-le-2025-10-23-a-16.19.25.jpg?zoom=3&amp;resize=229%2C229&amp;ssl=1 687w\" width=\"229\" height=\"229\" loading=\"lazy\" data-original-width=\"229\" data-original-height=\"229\" itemprop=\"http:\/\/schema.org\/image\" title=\"Capture d\u2019e\u0301cran, le 2025-10-23 a\u0300 16.19.25\" alt=\"Capture d\u2019e\u0301cran, le 2025-10-23 a\u0300 16.19.25\" style=\"width: 229px; height: 229px;\" \/> <\/a> <\/div> <\/div> <\/div> <div class=\"gallery-row\" style=\"width: 700px; height: 233px;\" data-original-width=\"700\" data-original-height=\"233\" > <div class=\"gallery-group\" style=\"width: 233px; height: 233px;\" data-original-width=\"233\" data-original-height=\"233\" > <div class=\"tiled-gallery-item \" itemprop=\"associatedMedia\" itemscope itemtype=\"http:\/\/schema.org\/ImageObject\"> <a href=\"https:\/\/itayachtscanada.com\/fr\/listing\/ferretti-850-flybridge-2018-3750000-usd-for-sale\/capture-decran-le-2025-10-23-a-16-19-22\/\" border=\"0\" itemprop=\"url\"> <meta itemprop=\"width\" content=\"229\"> <meta itemprop=\"height\" content=\"229\"> <img decoding=\"async\" class=\"\" data-attachment-id=\"292096\" data-orig-file=\"https:\/\/itayachtscanada.com\/wp-content\/uploads\/2025\/10\/Capture-decran-le-2025-10-23-a-16.19.22.jpg\" data-orig-size=\"1404,938\" data-comments-opened=\"1\" data-image-meta=\"{&quot;aperture&quot;:&quot;0&quot;,&quot;credit&quot;:&quot;&quot;,&quot;camera&quot;:&quot;&quot;,&quot;caption&quot;:&quot;&quot;,&quot;created_timestamp&quot;:&quot;0&quot;,&quot;copyright&quot;:&quot;&quot;,&quot;focal_length&quot;:&quot;0&quot;,&quot;iso&quot;:&quot;0&quot;,&quot;shutter_speed&quot;:&quot;0&quot;,&quot;title&quot;:&quot;&quot;,&quot;orientation&quot;:&quot;0&quot;}\" data-image-title=\"Capture d\u2019e\u0301cran, le 2025-10-23 a\u0300 16.19.22\" data-image-description=\"\" data-medium-file=\"https:\/\/i0.wp.com\/itayachtscanada.com\/wp-content\/uploads\/2025\/10\/Capture-decran-le-2025-10-23-a-16.19.22.jpg?fit=300%2C200&#038;ssl=1\" data-large-file=\"https:\/\/i0.wp.com\/itayachtscanada.com\/wp-content\/uploads\/2025\/10\/Capture-decran-le-2025-10-23-a-16.19.22.jpg?fit=700%2C468&#038;ssl=1\" src=\"https:\/\/i0.wp.com\/itayachtscanada.com\/wp-content\/uploads\/2025\/10\/Capture-decran-le-2025-10-23-a-16.19.22.jpg?w=229&#038;h=229&#038;crop=1&#038;ssl=1\" srcset=\"https:\/\/i0.wp.com\/itayachtscanada.com\/wp-content\/uploads\/2025\/10\/Capture-decran-le-2025-10-23-a-16.19.22.jpg?resize=150%2C150&amp;ssl=1 150w, https:\/\/i0.wp.com\/itayachtscanada.com\/wp-content\/uploads\/2025\/10\/Capture-decran-le-2025-10-23-a-16.19.22.jpg?resize=60%2C60&amp;ssl=1 60w, https:\/\/i0.wp.com\/itayachtscanada.com\/wp-content\/uploads\/2025\/10\/Capture-decran-le-2025-10-23-a-16.19.22.jpg?resize=80%2C80&amp;ssl=1 80w, https:\/\/i0.wp.com\/itayachtscanada.com\/wp-content\/uploads\/2025\/10\/Capture-decran-le-2025-10-23-a-16.19.22.jpg?resize=100%2C100&amp;ssl=1 100w, https:\/\/i0.wp.com\/itayachtscanada.com\/wp-content\/uploads\/2025\/10\/Capture-decran-le-2025-10-23-a-16.19.22.jpg?resize=50%2C50&amp;ssl=1 50w, https:\/\/i0.wp.com\/itayachtscanada.com\/wp-content\/uploads\/2025\/10\/Capture-decran-le-2025-10-23-a-16.19.22.jpg?zoom=2&amp;resize=229%2C229&amp;ssl=1 458w, https:\/\/i0.wp.com\/itayachtscanada.com\/wp-content\/uploads\/2025\/10\/Capture-decran-le-2025-10-23-a-16.19.22.jpg?zoom=3&amp;resize=229%2C229&amp;ssl=1 687w\" width=\"229\" height=\"229\" loading=\"lazy\" data-original-width=\"229\" data-original-height=\"229\" itemprop=\"http:\/\/schema.org\/image\" title=\"Capture d\u2019e\u0301cran, le 2025-10-23 a\u0300 16.19.22\" alt=\"Capture d\u2019e\u0301cran, le 2025-10-23 a\u0300 16.19.22\" style=\"width: 229px; height: 229px;\" \/> <\/a> <\/div> <\/div> <div class=\"gallery-group\" style=\"width: 233px; height: 233px;\" data-original-width=\"233\" data-original-height=\"233\" > <div class=\"tiled-gallery-item \" itemprop=\"associatedMedia\" itemscope itemtype=\"http:\/\/schema.org\/ImageObject\"> <a href=\"https:\/\/itayachtscanada.com\/fr\/listing\/ferretti-850-flybridge-2018-3750000-usd-for-sale\/capture-decran-le-2025-10-23-a-16-19-35\/\" border=\"0\" itemprop=\"url\"> <meta itemprop=\"width\" content=\"229\"> <meta itemprop=\"height\" content=\"229\"> <img decoding=\"async\" class=\"\" data-attachment-id=\"292092\" data-orig-file=\"https:\/\/itayachtscanada.com\/wp-content\/uploads\/2025\/10\/Capture-decran-le-2025-10-23-a-16.19.35.jpg\" data-orig-size=\"1404,938\" data-comments-opened=\"1\" data-image-meta=\"{&quot;aperture&quot;:&quot;0&quot;,&quot;credit&quot;:&quot;&quot;,&quot;camera&quot;:&quot;&quot;,&quot;caption&quot;:&quot;&quot;,&quot;created_timestamp&quot;:&quot;0&quot;,&quot;copyright&quot;:&quot;&quot;,&quot;focal_length&quot;:&quot;0&quot;,&quot;iso&quot;:&quot;0&quot;,&quot;shutter_speed&quot;:&quot;0&quot;,&quot;title&quot;:&quot;&quot;,&quot;orientation&quot;:&quot;0&quot;}\" data-image-title=\"Capture d\u2019e\u0301cran, le 2025-10-23 a\u0300 16.19.35\" data-image-description=\"\" data-medium-file=\"https:\/\/i0.wp.com\/itayachtscanada.com\/wp-content\/uploads\/2025\/10\/Capture-decran-le-2025-10-23-a-16.19.35.jpg?fit=300%2C200&#038;ssl=1\" data-large-file=\"https:\/\/i0.wp.com\/itayachtscanada.com\/wp-content\/uploads\/2025\/10\/Capture-decran-le-2025-10-23-a-16.19.35.jpg?fit=700%2C468&#038;ssl=1\" src=\"https:\/\/i0.wp.com\/itayachtscanada.com\/wp-content\/uploads\/2025\/10\/Capture-decran-le-2025-10-23-a-16.19.35.jpg?w=229&#038;h=229&#038;crop=1&#038;ssl=1\" srcset=\"https:\/\/i0.wp.com\/itayachtscanada.com\/wp-content\/uploads\/2025\/10\/Capture-decran-le-2025-10-23-a-16.19.35.jpg?resize=150%2C150&amp;ssl=1 150w, https:\/\/i0.wp.com\/itayachtscanada.com\/wp-content\/uploads\/2025\/10\/Capture-decran-le-2025-10-23-a-16.19.35.jpg?resize=60%2C60&amp;ssl=1 60w, https:\/\/i0.wp.com\/itayachtscanada.com\/wp-content\/uploads\/2025\/10\/Capture-decran-le-2025-10-23-a-16.19.35.jpg?resize=80%2C80&amp;ssl=1 80w, https:\/\/i0.wp.com\/itayachtscanada.com\/wp-content\/uploads\/2025\/10\/Capture-decran-le-2025-10-23-a-16.19.35.jpg?resize=100%2C100&amp;ssl=1 100w, https:\/\/i0.wp.com\/itayachtscanada.com\/wp-content\/uploads\/2025\/10\/Capture-decran-le-2025-10-23-a-16.19.35.jpg?resize=50%2C50&amp;ssl=1 50w, https:\/\/i0.wp.com\/itayachtscanada.com\/wp-content\/uploads\/2025\/10\/Capture-decran-le-2025-10-23-a-16.19.35.jpg?zoom=2&amp;resize=229%2C229&amp;ssl=1 458w, https:\/\/i0.wp.com\/itayachtscanada.com\/wp-content\/uploads\/2025\/10\/Capture-decran-le-2025-10-23-a-16.19.35.jpg?zoom=3&amp;resize=229%2C229&amp;ssl=1 687w\" width=\"229\" height=\"229\" loading=\"lazy\" data-original-width=\"229\" data-original-height=\"229\" itemprop=\"http:\/\/schema.org\/image\" title=\"Capture d\u2019e\u0301cran, le 2025-10-23 a\u0300 16.19.35\" alt=\"Capture d\u2019e\u0301cran, le 2025-10-23 a\u0300 16.19.35\" style=\"width: 229px; height: 229px;\" \/> <\/a> <\/div> <\/div> <div class=\"gallery-group\" style=\"width: 233px; height: 233px;\" data-original-width=\"233\" data-original-height=\"233\" > <div class=\"tiled-gallery-item \" itemprop=\"associatedMedia\" itemscope itemtype=\"http:\/\/schema.org\/ImageObject\"> <a href=\"https:\/\/itayachtscanada.com\/fr\/listing\/ferretti-850-flybridge-2018-3750000-usd-for-sale\/capture-decran-le-2025-10-23-a-16-19-42\/\" border=\"0\" itemprop=\"url\"> <meta itemprop=\"width\" content=\"229\"> <meta itemprop=\"height\" content=\"229\"> <img decoding=\"async\" class=\"\" data-attachment-id=\"292090\" data-orig-file=\"https:\/\/itayachtscanada.com\/wp-content\/uploads\/2025\/10\/Capture-decran-le-2025-10-23-a-16.19.42.jpg\" data-orig-size=\"1404,938\" data-comments-opened=\"1\" data-image-meta=\"{&quot;aperture&quot;:&quot;0&quot;,&quot;credit&quot;:&quot;&quot;,&quot;camera&quot;:&quot;&quot;,&quot;caption&quot;:&quot;&quot;,&quot;created_timestamp&quot;:&quot;0&quot;,&quot;copyright&quot;:&quot;&quot;,&quot;focal_length&quot;:&quot;0&quot;,&quot;iso&quot;:&quot;0&quot;,&quot;shutter_speed&quot;:&quot;0&quot;,&quot;title&quot;:&quot;&quot;,&quot;orientation&quot;:&quot;0&quot;}\" data-image-title=\"Capture d\u2019e\u0301cran, le 2025-10-23 a\u0300 16.19.42\" data-image-description=\"\" data-medium-file=\"https:\/\/i0.wp.com\/itayachtscanada.com\/wp-content\/uploads\/2025\/10\/Capture-decran-le-2025-10-23-a-16.19.42.jpg?fit=300%2C200&#038;ssl=1\" data-large-file=\"https:\/\/i0.wp.com\/itayachtscanada.com\/wp-content\/uploads\/2025\/10\/Capture-decran-le-2025-10-23-a-16.19.42.jpg?fit=700%2C468&#038;ssl=1\" src=\"https:\/\/i0.wp.com\/itayachtscanada.com\/wp-content\/uploads\/2025\/10\/Capture-decran-le-2025-10-23-a-16.19.42.jpg?w=229&#038;h=229&#038;crop=1&#038;ssl=1\" srcset=\"https:\/\/i0.wp.com\/itayachtscanada.com\/wp-content\/uploads\/2025\/10\/Capture-decran-le-2025-10-23-a-16.19.42.jpg?resize=150%2C150&amp;ssl=1 150w, https:\/\/i0.wp.com\/itayachtscanada.com\/wp-content\/uploads\/2025\/10\/Capture-decran-le-2025-10-23-a-16.19.42.jpg?resize=60%2C60&amp;ssl=1 60w, https:\/\/i0.wp.com\/itayachtscanada.com\/wp-content\/uploads\/2025\/10\/Capture-decran-le-2025-10-23-a-16.19.42.jpg?resize=80%2C80&amp;ssl=1 80w, https:\/\/i0.wp.com\/itayachtscanada.com\/wp-content\/uploads\/2025\/10\/Capture-decran-le-2025-10-23-a-16.19.42.jpg?resize=100%2C100&amp;ssl=1 100w, https:\/\/i0.wp.com\/itayachtscanada.com\/wp-content\/uploads\/2025\/10\/Capture-decran-le-2025-10-23-a-16.19.42.jpg?resize=50%2C50&amp;ssl=1 50w, https:\/\/i0.wp.com\/itayachtscanada.com\/wp-content\/uploads\/2025\/10\/Capture-decran-le-2025-10-23-a-16.19.42.jpg?zoom=2&amp;resize=229%2C229&amp;ssl=1 458w, https:\/\/i0.wp.com\/itayachtscanada.com\/wp-content\/uploads\/2025\/10\/Capture-decran-le-2025-10-23-a-16.19.42.jpg?zoom=3&amp;resize=229%2C229&amp;ssl=1 687w\" width=\"229\" height=\"229\" loading=\"lazy\" data-original-width=\"229\" data-original-height=\"229\" itemprop=\"http:\/\/schema.org\/image\" title=\"Capture d\u2019e\u0301cran, le 2025-10-23 a\u0300 16.19.42\" alt=\"Capture d\u2019e\u0301cran, le 2025-10-23 a\u0300 16.19.42\" style=\"width: 229px; height: 229px;\" \/> <\/a> <\/div> <\/div> <\/div> <div class=\"gallery-row\" style=\"width: 700px; height: 233px;\" data-original-width=\"700\" data-original-height=\"233\" > <div class=\"gallery-group\" style=\"width: 233px; height: 233px;\" data-original-width=\"233\" data-original-height=\"233\" > <div class=\"tiled-gallery-item \" itemprop=\"associatedMedia\" itemscope itemtype=\"http:\/\/schema.org\/ImageObject\"> <a href=\"https:\/\/itayachtscanada.com\/fr\/listing\/ferretti-850-flybridge-2018-3750000-usd-for-sale\/capture-decran-le-2025-10-23-a-16-19-38\/\" border=\"0\" itemprop=\"url\"> <meta itemprop=\"width\" content=\"229\"> <meta itemprop=\"height\" content=\"229\"> <img decoding=\"async\" class=\"\" data-attachment-id=\"292091\" data-orig-file=\"https:\/\/itayachtscanada.com\/wp-content\/uploads\/2025\/10\/Capture-decran-le-2025-10-23-a-16.19.38.jpg\" data-orig-size=\"1404,938\" data-comments-opened=\"1\" data-image-meta=\"{&quot;aperture&quot;:&quot;0&quot;,&quot;credit&quot;:&quot;&quot;,&quot;camera&quot;:&quot;&quot;,&quot;caption&quot;:&quot;&quot;,&quot;created_timestamp&quot;:&quot;0&quot;,&quot;copyright&quot;:&quot;&quot;,&quot;focal_length&quot;:&quot;0&quot;,&quot;iso&quot;:&quot;0&quot;,&quot;shutter_speed&quot;:&quot;0&quot;,&quot;title&quot;:&quot;&quot;,&quot;orientation&quot;:&quot;0&quot;}\" data-image-title=\"Capture d\u2019e\u0301cran, le 2025-10-23 a\u0300 16.19.38\" data-image-description=\"\" data-medium-file=\"https:\/\/i0.wp.com\/itayachtscanada.com\/wp-content\/uploads\/2025\/10\/Capture-decran-le-2025-10-23-a-16.19.38.jpg?fit=300%2C200&#038;ssl=1\" data-large-file=\"https:\/\/i0.wp.com\/itayachtscanada.com\/wp-content\/uploads\/2025\/10\/Capture-decran-le-2025-10-23-a-16.19.38.jpg?fit=700%2C468&#038;ssl=1\" src=\"https:\/\/i0.wp.com\/itayachtscanada.com\/wp-content\/uploads\/2025\/10\/Capture-decran-le-2025-10-23-a-16.19.38.jpg?w=229&#038;h=229&#038;crop=1&#038;ssl=1\" srcset=\"https:\/\/i0.wp.com\/itayachtscanada.com\/wp-content\/uploads\/2025\/10\/Capture-decran-le-2025-10-23-a-16.19.38.jpg?resize=150%2C150&amp;ssl=1 150w, https:\/\/i0.wp.com\/itayachtscanada.com\/wp-content\/uploads\/2025\/10\/Capture-decran-le-2025-10-23-a-16.19.38.jpg?resize=60%2C60&amp;ssl=1 60w, https:\/\/i0.wp.com\/itayachtscanada.com\/wp-content\/uploads\/2025\/10\/Capture-decran-le-2025-10-23-a-16.19.38.jpg?resize=80%2C80&amp;ssl=1 80w, https:\/\/i0.wp.com\/itayachtscanada.com\/wp-content\/uploads\/2025\/10\/Capture-decran-le-2025-10-23-a-16.19.38.jpg?resize=100%2C100&amp;ssl=1 100w, https:\/\/i0.wp.com\/itayachtscanada.com\/wp-content\/uploads\/2025\/10\/Capture-decran-le-2025-10-23-a-16.19.38.jpg?resize=50%2C50&amp;ssl=1 50w, https:\/\/i0.wp.com\/itayachtscanada.com\/wp-content\/uploads\/2025\/10\/Capture-decran-le-2025-10-23-a-16.19.38.jpg?zoom=2&amp;resize=229%2C229&amp;ssl=1 458w, https:\/\/i0.wp.com\/itayachtscanada.com\/wp-content\/uploads\/2025\/10\/Capture-decran-le-2025-10-23-a-16.19.38.jpg?zoom=3&amp;resize=229%2C229&amp;ssl=1 687w\" width=\"229\" height=\"229\" loading=\"lazy\" data-original-width=\"229\" data-original-height=\"229\" itemprop=\"http:\/\/schema.org\/image\" title=\"Capture d\u2019e\u0301cran, le 2025-10-23 a\u0300 16.19.38\" alt=\"Capture d\u2019e\u0301cran, le 2025-10-23 a\u0300 16.19.38\" style=\"width: 229px; height: 229px;\" \/> <\/a> <\/div> <\/div> <div class=\"gallery-group\" style=\"width: 233px; height: 233px;\" data-original-width=\"233\" data-original-height=\"233\" > <div class=\"tiled-gallery-item \" itemprop=\"associatedMedia\" itemscope itemtype=\"http:\/\/schema.org\/ImageObject\"> <a href=\"https:\/\/itayachtscanada.com\/fr\/listing\/ferretti-850-flybridge-2018-3750000-usd-for-sale\/capture-decran-le-2025-10-23-a-16-20-03\/\" border=\"0\" itemprop=\"url\"> <meta itemprop=\"width\" content=\"229\"> <meta itemprop=\"height\" content=\"229\"> <img decoding=\"async\" class=\"\" data-attachment-id=\"292083\" data-orig-file=\"https:\/\/itayachtscanada.com\/wp-content\/uploads\/2025\/10\/Capture-decran-le-2025-10-23-a-16.20.03.jpg\" data-orig-size=\"1404,938\" data-comments-opened=\"1\" data-image-meta=\"{&quot;aperture&quot;:&quot;0&quot;,&quot;credit&quot;:&quot;&quot;,&quot;camera&quot;:&quot;&quot;,&quot;caption&quot;:&quot;&quot;,&quot;created_timestamp&quot;:&quot;0&quot;,&quot;copyright&quot;:&quot;&quot;,&quot;focal_length&quot;:&quot;0&quot;,&quot;iso&quot;:&quot;0&quot;,&quot;shutter_speed&quot;:&quot;0&quot;,&quot;title&quot;:&quot;&quot;,&quot;orientation&quot;:&quot;0&quot;}\" data-image-title=\"Capture d\u2019e\u0301cran, le 2025-10-23 a\u0300 16.20.03\" data-image-description=\"\" data-medium-file=\"https:\/\/i0.wp.com\/itayachtscanada.com\/wp-content\/uploads\/2025\/10\/Capture-decran-le-2025-10-23-a-16.20.03.jpg?fit=300%2C200&#038;ssl=1\" data-large-file=\"https:\/\/i0.wp.com\/itayachtscanada.com\/wp-content\/uploads\/2025\/10\/Capture-decran-le-2025-10-23-a-16.20.03.jpg?fit=700%2C468&#038;ssl=1\" src=\"https:\/\/i0.wp.com\/itayachtscanada.com\/wp-content\/uploads\/2025\/10\/Capture-decran-le-2025-10-23-a-16.20.03.jpg?w=229&#038;h=229&#038;crop=1&#038;ssl=1\" srcset=\"https:\/\/i0.wp.com\/itayachtscanada.com\/wp-content\/uploads\/2025\/10\/Capture-decran-le-2025-10-23-a-16.20.03.jpg?resize=150%2C150&amp;ssl=1 150w, https:\/\/i0.wp.com\/itayachtscanada.com\/wp-content\/uploads\/2025\/10\/Capture-decran-le-2025-10-23-a-16.20.03.jpg?resize=60%2C60&amp;ssl=1 60w, https:\/\/i0.wp.com\/itayachtscanada.com\/wp-content\/uploads\/2025\/10\/Capture-decran-le-2025-10-23-a-16.20.03.jpg?resize=80%2C80&amp;ssl=1 80w, https:\/\/i0.wp.com\/itayachtscanada.com\/wp-content\/uploads\/2025\/10\/Capture-decran-le-2025-10-23-a-16.20.03.jpg?resize=100%2C100&amp;ssl=1 100w, https:\/\/i0.wp.com\/itayachtscanada.com\/wp-content\/uploads\/2025\/10\/Capture-decran-le-2025-10-23-a-16.20.03.jpg?resize=50%2C50&amp;ssl=1 50w, https:\/\/i0.wp.com\/itayachtscanada.com\/wp-content\/uploads\/2025\/10\/Capture-decran-le-2025-10-23-a-16.20.03.jpg?zoom=2&amp;resize=229%2C229&amp;ssl=1 458w, https:\/\/i0.wp.com\/itayachtscanada.com\/wp-content\/uploads\/2025\/10\/Capture-decran-le-2025-10-23-a-16.20.03.jpg?zoom=3&amp;resize=229%2C229&amp;ssl=1 687w\" width=\"229\" height=\"229\" loading=\"lazy\" data-original-width=\"229\" data-original-height=\"229\" itemprop=\"http:\/\/schema.org\/image\" title=\"Capture d\u2019e\u0301cran, le 2025-10-23 a\u0300 16.20.03\" alt=\"Capture d\u2019e\u0301cran, le 2025-10-23 a\u0300 16.20.03\" style=\"width: 229px; height: 229px;\" \/> <\/a> <\/div> <\/div> <div class=\"gallery-group\" style=\"width: 233px; height: 233px;\" data-original-width=\"233\" data-original-height=\"233\" > <div class=\"tiled-gallery-item \" itemprop=\"associatedMedia\" itemscope itemtype=\"http:\/\/schema.org\/ImageObject\"> <a href=\"https:\/\/itayachtscanada.com\/fr\/listing\/ferretti-850-flybridge-2018-3750000-usd-for-sale\/capture-decran-le-2025-10-23-a-16-19-57\/\" border=\"0\" itemprop=\"url\"> <meta itemprop=\"width\" content=\"229\"> <meta itemprop=\"height\" content=\"229\"> <img decoding=\"async\" class=\"\" data-attachment-id=\"292085\" data-orig-file=\"https:\/\/itayachtscanada.com\/wp-content\/uploads\/2025\/10\/Capture-decran-le-2025-10-23-a-16.19.57.jpg\" data-orig-size=\"1404,938\" data-comments-opened=\"1\" data-image-meta=\"{&quot;aperture&quot;:&quot;0&quot;,&quot;credit&quot;:&quot;&quot;,&quot;camera&quot;:&quot;&quot;,&quot;caption&quot;:&quot;&quot;,&quot;created_timestamp&quot;:&quot;0&quot;,&quot;copyright&quot;:&quot;&quot;,&quot;focal_length&quot;:&quot;0&quot;,&quot;iso&quot;:&quot;0&quot;,&quot;shutter_speed&quot;:&quot;0&quot;,&quot;title&quot;:&quot;&quot;,&quot;orientation&quot;:&quot;0&quot;}\" data-image-title=\"Capture d\u2019e\u0301cran, le 2025-10-23 a\u0300 16.19.57\" data-image-description=\"\" data-medium-file=\"https:\/\/i0.wp.com\/itayachtscanada.com\/wp-content\/uploads\/2025\/10\/Capture-decran-le-2025-10-23-a-16.19.57.jpg?fit=300%2C200&#038;ssl=1\" data-large-file=\"https:\/\/i0.wp.com\/itayachtscanada.com\/wp-content\/uploads\/2025\/10\/Capture-decran-le-2025-10-23-a-16.19.57.jpg?fit=700%2C468&#038;ssl=1\" src=\"https:\/\/i0.wp.com\/itayachtscanada.com\/wp-content\/uploads\/2025\/10\/Capture-decran-le-2025-10-23-a-16.19.57.jpg?w=229&#038;h=229&#038;crop=1&#038;ssl=1\" srcset=\"https:\/\/i0.wp.com\/itayachtscanada.com\/wp-content\/uploads\/2025\/10\/Capture-decran-le-2025-10-23-a-16.19.57.jpg?resize=150%2C150&amp;ssl=1 150w, https:\/\/i0.wp.com\/itayachtscanada.com\/wp-content\/uploads\/2025\/10\/Capture-decran-le-2025-10-23-a-16.19.57.jpg?resize=60%2C60&amp;ssl=1 60w, https:\/\/i0.wp.com\/itayachtscanada.com\/wp-content\/uploads\/2025\/10\/Capture-decran-le-2025-10-23-a-16.19.57.jpg?resize=80%2C80&amp;ssl=1 80w, https:\/\/i0.wp.com\/itayachtscanada.com\/wp-content\/uploads\/2025\/10\/Capture-decran-le-2025-10-23-a-16.19.57.jpg?resize=100%2C100&amp;ssl=1 100w, https:\/\/i0.wp.com\/itayachtscanada.com\/wp-content\/uploads\/2025\/10\/Capture-decran-le-2025-10-23-a-16.19.57.jpg?resize=50%2C50&amp;ssl=1 50w, https:\/\/i0.wp.com\/itayachtscanada.com\/wp-content\/uploads\/2025\/10\/Capture-decran-le-2025-10-23-a-16.19.57.jpg?zoom=2&amp;resize=229%2C229&amp;ssl=1 458w, https:\/\/i0.wp.com\/itayachtscanada.com\/wp-content\/uploads\/2025\/10\/Capture-decran-le-2025-10-23-a-16.19.57.jpg?zoom=3&amp;resize=229%2C229&amp;ssl=1 687w\" width=\"229\" height=\"229\" loading=\"lazy\" data-original-width=\"229\" data-original-height=\"229\" itemprop=\"http:\/\/schema.org\/image\" title=\"Capture d\u2019e\u0301cran, le 2025-10-23 a\u0300 16.19.57\" alt=\"Capture d\u2019e\u0301cran, le 2025-10-23 a\u0300 16.19.57\" style=\"width: 229px; height: 229px;\" \/> <\/a> <\/div> <\/div> <\/div> <div class=\"gallery-row\" style=\"width: 700px; height: 233px;\" data-original-width=\"700\" data-original-height=\"233\" > <div class=\"gallery-group\" style=\"width: 233px; height: 233px;\" data-original-width=\"233\" data-original-height=\"233\" > <div class=\"tiled-gallery-item \" itemprop=\"associatedMedia\" itemscope itemtype=\"http:\/\/schema.org\/ImageObject\"> <a href=\"https:\/\/itayachtscanada.com\/fr\/listing\/ferretti-850-flybridge-2018-3750000-usd-for-sale\/capture-decran-le-2025-10-23-a-16-18-51\/\" border=\"0\" itemprop=\"url\"> <meta itemprop=\"width\" content=\"229\"> <meta itemprop=\"height\" content=\"229\"> <img decoding=\"async\" class=\"\" data-attachment-id=\"292106\" data-orig-file=\"https:\/\/itayachtscanada.com\/wp-content\/uploads\/2025\/10\/Capture-decran-le-2025-10-23-a-16.18.51.jpg\" data-orig-size=\"1404,938\" data-comments-opened=\"1\" data-image-meta=\"{&quot;aperture&quot;:&quot;0&quot;,&quot;credit&quot;:&quot;&quot;,&quot;camera&quot;:&quot;&quot;,&quot;caption&quot;:&quot;&quot;,&quot;created_timestamp&quot;:&quot;0&quot;,&quot;copyright&quot;:&quot;&quot;,&quot;focal_length&quot;:&quot;0&quot;,&quot;iso&quot;:&quot;0&quot;,&quot;shutter_speed&quot;:&quot;0&quot;,&quot;title&quot;:&quot;&quot;,&quot;orientation&quot;:&quot;0&quot;}\" data-image-title=\"Capture d\u2019e\u0301cran, le 2025-10-23 a\u0300 16.18.51\" data-image-description=\"\" data-medium-file=\"https:\/\/i0.wp.com\/itayachtscanada.com\/wp-content\/uploads\/2025\/10\/Capture-decran-le-2025-10-23-a-16.18.51.jpg?fit=300%2C200&#038;ssl=1\" data-large-file=\"https:\/\/i0.wp.com\/itayachtscanada.com\/wp-content\/uploads\/2025\/10\/Capture-decran-le-2025-10-23-a-16.18.51.jpg?fit=700%2C468&#038;ssl=1\" src=\"https:\/\/i0.wp.com\/itayachtscanada.com\/wp-content\/uploads\/2025\/10\/Capture-decran-le-2025-10-23-a-16.18.51.jpg?w=229&#038;h=229&#038;crop=1&#038;ssl=1\" srcset=\"https:\/\/i0.wp.com\/itayachtscanada.com\/wp-content\/uploads\/2025\/10\/Capture-decran-le-2025-10-23-a-16.18.51.jpg?resize=150%2C150&amp;ssl=1 150w, https:\/\/i0.wp.com\/itayachtscanada.com\/wp-content\/uploads\/2025\/10\/Capture-decran-le-2025-10-23-a-16.18.51.jpg?resize=60%2C60&amp;ssl=1 60w, https:\/\/i0.wp.com\/itayachtscanada.com\/wp-content\/uploads\/2025\/10\/Capture-decran-le-2025-10-23-a-16.18.51.jpg?resize=80%2C80&amp;ssl=1 80w, https:\/\/i0.wp.com\/itayachtscanada.com\/wp-content\/uploads\/2025\/10\/Capture-decran-le-2025-10-23-a-16.18.51.jpg?resize=100%2C100&amp;ssl=1 100w, https:\/\/i0.wp.com\/itayachtscanada.com\/wp-content\/uploads\/2025\/10\/Capture-decran-le-2025-10-23-a-16.18.51.jpg?resize=50%2C50&amp;ssl=1 50w, https:\/\/i0.wp.com\/itayachtscanada.com\/wp-content\/uploads\/2025\/10\/Capture-decran-le-2025-10-23-a-16.18.51.jpg?zoom=2&amp;resize=229%2C229&amp;ssl=1 458w, https:\/\/i0.wp.com\/itayachtscanada.com\/wp-content\/uploads\/2025\/10\/Capture-decran-le-2025-10-23-a-16.18.51.jpg?zoom=3&amp;resize=229%2C229&amp;ssl=1 687w\" width=\"229\" height=\"229\" loading=\"lazy\" data-original-width=\"229\" data-original-height=\"229\" itemprop=\"http:\/\/schema.org\/image\" title=\"Capture d\u2019e\u0301cran, le 2025-10-23 a\u0300 16.18.51\" alt=\"Capture d\u2019e\u0301cran, le 2025-10-23 a\u0300 16.18.51\" style=\"width: 229px; height: 229px;\" \/> <\/a> <\/div> <\/div> <div class=\"gallery-group\" style=\"width: 233px; height: 233px;\" data-original-width=\"233\" data-original-height=\"233\" > <div class=\"tiled-gallery-item \" itemprop=\"associatedMedia\" itemscope itemtype=\"http:\/\/schema.org\/ImageObject\"> <a href=\"https:\/\/itayachtscanada.com\/fr\/listing\/ferretti-850-flybridge-2018-3750000-usd-for-sale\/capture-decran-le-2025-10-23-a-16-18-47\/\" border=\"0\" itemprop=\"url\"> <meta itemprop=\"width\" content=\"229\"> <meta itemprop=\"height\" content=\"229\"> <img decoding=\"async\" class=\"\" data-attachment-id=\"292107\" data-orig-file=\"https:\/\/itayachtscanada.com\/wp-content\/uploads\/2025\/10\/Capture-decran-le-2025-10-23-a-16.18.47.jpg\" data-orig-size=\"1404,938\" data-comments-opened=\"1\" data-image-meta=\"{&quot;aperture&quot;:&quot;0&quot;,&quot;credit&quot;:&quot;&quot;,&quot;camera&quot;:&quot;&quot;,&quot;caption&quot;:&quot;&quot;,&quot;created_timestamp&quot;:&quot;0&quot;,&quot;copyright&quot;:&quot;&quot;,&quot;focal_length&quot;:&quot;0&quot;,&quot;iso&quot;:&quot;0&quot;,&quot;shutter_speed&quot;:&quot;0&quot;,&quot;title&quot;:&quot;&quot;,&quot;orientation&quot;:&quot;0&quot;}\" data-image-title=\"Capture d\u2019e\u0301cran, le 2025-10-23 a\u0300 16.18.47\" data-image-description=\"\" data-medium-file=\"https:\/\/i0.wp.com\/itayachtscanada.com\/wp-content\/uploads\/2025\/10\/Capture-decran-le-2025-10-23-a-16.18.47.jpg?fit=300%2C200&#038;ssl=1\" data-large-file=\"https:\/\/i0.wp.com\/itayachtscanada.com\/wp-content\/uploads\/2025\/10\/Capture-decran-le-2025-10-23-a-16.18.47.jpg?fit=700%2C468&#038;ssl=1\" src=\"https:\/\/i0.wp.com\/itayachtscanada.com\/wp-content\/uploads\/2025\/10\/Capture-decran-le-2025-10-23-a-16.18.47.jpg?w=229&#038;h=229&#038;crop=1&#038;ssl=1\" srcset=\"https:\/\/i0.wp.com\/itayachtscanada.com\/wp-content\/uploads\/2025\/10\/Capture-decran-le-2025-10-23-a-16.18.47.jpg?resize=150%2C150&amp;ssl=1 150w, https:\/\/i0.wp.com\/itayachtscanada.com\/wp-content\/uploads\/2025\/10\/Capture-decran-le-2025-10-23-a-16.18.47.jpg?resize=60%2C60&amp;ssl=1 60w, https:\/\/i0.wp.com\/itayachtscanada.com\/wp-content\/uploads\/2025\/10\/Capture-decran-le-2025-10-23-a-16.18.47.jpg?resize=80%2C80&amp;ssl=1 80w, https:\/\/i0.wp.com\/itayachtscanada.com\/wp-content\/uploads\/2025\/10\/Capture-decran-le-2025-10-23-a-16.18.47.jpg?resize=100%2C100&amp;ssl=1 100w, https:\/\/i0.wp.com\/itayachtscanada.com\/wp-content\/uploads\/2025\/10\/Capture-decran-le-2025-10-23-a-16.18.47.jpg?resize=50%2C50&amp;ssl=1 50w, https:\/\/i0.wp.com\/itayachtscanada.com\/wp-content\/uploads\/2025\/10\/Capture-decran-le-2025-10-23-a-16.18.47.jpg?zoom=2&amp;resize=229%2C229&amp;ssl=1 458w, https:\/\/i0.wp.com\/itayachtscanada.com\/wp-content\/uploads\/2025\/10\/Capture-decran-le-2025-10-23-a-16.18.47.jpg?zoom=3&amp;resize=229%2C229&amp;ssl=1 687w\" width=\"229\" height=\"229\" loading=\"lazy\" data-original-width=\"229\" data-original-height=\"229\" itemprop=\"http:\/\/schema.org\/image\" title=\"Capture d\u2019e\u0301cran, le 2025-10-23 a\u0300 16.18.47\" alt=\"Capture d\u2019e\u0301cran, le 2025-10-23 a\u0300 16.18.47\" style=\"width: 229px; height: 229px;\" \/> <\/a> <\/div> <\/div> <div class=\"gallery-group\" style=\"width: 233px; height: 233px;\" data-original-width=\"233\" data-original-height=\"233\" > <div class=\"tiled-gallery-item \" itemprop=\"associatedMedia\" itemscope itemtype=\"http:\/\/schema.org\/ImageObject\"> <a href=\"https:\/\/itayachtscanada.com\/fr\/listing\/ferretti-850-flybridge-2018-3750000-usd-for-sale\/capture-decran-le-2025-10-23-a-16-18-44\/\" border=\"0\" itemprop=\"url\"> <meta itemprop=\"width\" content=\"229\"> <meta itemprop=\"height\" content=\"229\"> <img decoding=\"async\" class=\"\" data-attachment-id=\"292108\" data-orig-file=\"https:\/\/itayachtscanada.com\/wp-content\/uploads\/2025\/10\/Capture-decran-le-2025-10-23-a-16.18.44.jpg\" data-orig-size=\"1404,938\" data-comments-opened=\"1\" data-image-meta=\"{&quot;aperture&quot;:&quot;0&quot;,&quot;credit&quot;:&quot;&quot;,&quot;camera&quot;:&quot;&quot;,&quot;caption&quot;:&quot;&quot;,&quot;created_timestamp&quot;:&quot;0&quot;,&quot;copyright&quot;:&quot;&quot;,&quot;focal_length&quot;:&quot;0&quot;,&quot;iso&quot;:&quot;0&quot;,&quot;shutter_speed&quot;:&quot;0&quot;,&quot;title&quot;:&quot;&quot;,&quot;orientation&quot;:&quot;0&quot;}\" data-image-title=\"Capture d\u2019e\u0301cran, le 2025-10-23 a\u0300 16.18.44\" data-image-description=\"\" data-medium-file=\"https:\/\/i0.wp.com\/itayachtscanada.com\/wp-content\/uploads\/2025\/10\/Capture-decran-le-2025-10-23-a-16.18.44.jpg?fit=300%2C200&#038;ssl=1\" data-large-file=\"https:\/\/i0.wp.com\/itayachtscanada.com\/wp-content\/uploads\/2025\/10\/Capture-decran-le-2025-10-23-a-16.18.44.jpg?fit=700%2C468&#038;ssl=1\" src=\"https:\/\/i0.wp.com\/itayachtscanada.com\/wp-content\/uploads\/2025\/10\/Capture-decran-le-2025-10-23-a-16.18.44.jpg?w=229&#038;h=229&#038;crop=1&#038;ssl=1\" srcset=\"https:\/\/i0.wp.com\/itayachtscanada.com\/wp-content\/uploads\/2025\/10\/Capture-decran-le-2025-10-23-a-16.18.44.jpg?resize=150%2C150&amp;ssl=1 150w, https:\/\/i0.wp.com\/itayachtscanada.com\/wp-content\/uploads\/2025\/10\/Capture-decran-le-2025-10-23-a-16.18.44.jpg?resize=60%2C60&amp;ssl=1 60w, https:\/\/i0.wp.com\/itayachtscanada.com\/wp-content\/uploads\/2025\/10\/Capture-decran-le-2025-10-23-a-16.18.44.jpg?resize=80%2C80&amp;ssl=1 80w, https:\/\/i0.wp.com\/itayachtscanada.com\/wp-content\/uploads\/2025\/10\/Capture-decran-le-2025-10-23-a-16.18.44.jpg?resize=100%2C100&amp;ssl=1 100w, https:\/\/i0.wp.com\/itayachtscanada.com\/wp-content\/uploads\/2025\/10\/Capture-decran-le-2025-10-23-a-16.18.44.jpg?resize=50%2C50&amp;ssl=1 50w, https:\/\/i0.wp.com\/itayachtscanada.com\/wp-content\/uploads\/2025\/10\/Capture-decran-le-2025-10-23-a-16.18.44.jpg?zoom=2&amp;resize=229%2C229&amp;ssl=1 458w, https:\/\/i0.wp.com\/itayachtscanada.com\/wp-content\/uploads\/2025\/10\/Capture-decran-le-2025-10-23-a-16.18.44.jpg?zoom=3&amp;resize=229%2C229&amp;ssl=1 687w\" width=\"229\" height=\"229\" loading=\"lazy\" data-original-width=\"229\" data-original-height=\"229\" itemprop=\"http:\/\/schema.org\/image\" title=\"Capture d\u2019e\u0301cran, le 2025-10-23 a\u0300 16.18.44\" alt=\"Capture d\u2019e\u0301cran, le 2025-10-23 a\u0300 16.18.44\" style=\"width: 229px; height: 229px;\" \/> <\/a> <\/div> <\/div> <\/div> <div class=\"gallery-row\" style=\"width: 700px; height: 233px;\" data-original-width=\"700\" data-original-height=\"233\" > <div class=\"gallery-group\" style=\"width: 233px; height: 233px;\" data-original-width=\"233\" data-original-height=\"233\" > <div class=\"tiled-gallery-item \" itemprop=\"associatedMedia\" itemscope itemtype=\"http:\/\/schema.org\/ImageObject\"> <a href=\"https:\/\/itayachtscanada.com\/fr\/listing\/ferretti-850-flybridge-2018-3750000-usd-for-sale\/capture-decran-le-2025-10-23-a-16-18-41\/\" border=\"0\" itemprop=\"url\"> <meta itemprop=\"width\" content=\"229\"> <meta itemprop=\"height\" content=\"229\"> <img decoding=\"async\" class=\"\" data-attachment-id=\"292109\" data-orig-file=\"https:\/\/itayachtscanada.com\/wp-content\/uploads\/2025\/10\/Capture-decran-le-2025-10-23-a-16.18.41.jpg\" data-orig-size=\"1404,938\" data-comments-opened=\"1\" data-image-meta=\"{&quot;aperture&quot;:&quot;0&quot;,&quot;credit&quot;:&quot;&quot;,&quot;camera&quot;:&quot;&quot;,&quot;caption&quot;:&quot;&quot;,&quot;created_timestamp&quot;:&quot;0&quot;,&quot;copyright&quot;:&quot;&quot;,&quot;focal_length&quot;:&quot;0&quot;,&quot;iso&quot;:&quot;0&quot;,&quot;shutter_speed&quot;:&quot;0&quot;,&quot;title&quot;:&quot;&quot;,&quot;orientation&quot;:&quot;0&quot;}\" data-image-title=\"Capture d\u2019e\u0301cran, le 2025-10-23 a\u0300 16.18.41\" data-image-description=\"\" data-medium-file=\"https:\/\/i0.wp.com\/itayachtscanada.com\/wp-content\/uploads\/2025\/10\/Capture-decran-le-2025-10-23-a-16.18.41.jpg?fit=300%2C200&#038;ssl=1\" data-large-file=\"https:\/\/i0.wp.com\/itayachtscanada.com\/wp-content\/uploads\/2025\/10\/Capture-decran-le-2025-10-23-a-16.18.41.jpg?fit=700%2C468&#038;ssl=1\" src=\"https:\/\/i0.wp.com\/itayachtscanada.com\/wp-content\/uploads\/2025\/10\/Capture-decran-le-2025-10-23-a-16.18.41.jpg?w=229&#038;h=229&#038;crop=1&#038;ssl=1\" srcset=\"https:\/\/i0.wp.com\/itayachtscanada.com\/wp-content\/uploads\/2025\/10\/Capture-decran-le-2025-10-23-a-16.18.41.jpg?resize=150%2C150&amp;ssl=1 150w, https:\/\/i0.wp.com\/itayachtscanada.com\/wp-content\/uploads\/2025\/10\/Capture-decran-le-2025-10-23-a-16.18.41.jpg?resize=60%2C60&amp;ssl=1 60w, https:\/\/i0.wp.com\/itayachtscanada.com\/wp-content\/uploads\/2025\/10\/Capture-decran-le-2025-10-23-a-16.18.41.jpg?resize=80%2C80&amp;ssl=1 80w, https:\/\/i0.wp.com\/itayachtscanada.com\/wp-content\/uploads\/2025\/10\/Capture-decran-le-2025-10-23-a-16.18.41.jpg?resize=100%2C100&amp;ssl=1 100w, https:\/\/i0.wp.com\/itayachtscanada.com\/wp-content\/uploads\/2025\/10\/Capture-decran-le-2025-10-23-a-16.18.41.jpg?resize=50%2C50&amp;ssl=1 50w, https:\/\/i0.wp.com\/itayachtscanada.com\/wp-content\/uploads\/2025\/10\/Capture-decran-le-2025-10-23-a-16.18.41.jpg?zoom=2&amp;resize=229%2C229&amp;ssl=1 458w, https:\/\/i0.wp.com\/itayachtscanada.com\/wp-content\/uploads\/2025\/10\/Capture-decran-le-2025-10-23-a-16.18.41.jpg?zoom=3&amp;resize=229%2C229&amp;ssl=1 687w\" width=\"229\" height=\"229\" loading=\"lazy\" data-original-width=\"229\" data-original-height=\"229\" itemprop=\"http:\/\/schema.org\/image\" title=\"Capture d\u2019e\u0301cran, le 2025-10-23 a\u0300 16.18.41\" alt=\"Capture d\u2019e\u0301cran, le 2025-10-23 a\u0300 16.18.41\" style=\"width: 229px; height: 229px;\" \/> <\/a> <\/div> <\/div> <div class=\"gallery-group\" style=\"width: 233px; height: 233px;\" data-original-width=\"233\" data-original-height=\"233\" > <div class=\"tiled-gallery-item \" itemprop=\"associatedMedia\" itemscope itemtype=\"http:\/\/schema.org\/ImageObject\"> <a href=\"https:\/\/itayachtscanada.com\/fr\/listing\/ferretti-850-flybridge-2018-3750000-usd-for-sale\/capture-decran-le-2025-10-23-a-16-18-37\/\" border=\"0\" itemprop=\"url\"> <meta itemprop=\"width\" content=\"229\"> <meta itemprop=\"height\" content=\"229\"> <img decoding=\"async\" class=\"\" data-attachment-id=\"292110\" data-orig-file=\"https:\/\/itayachtscanada.com\/wp-content\/uploads\/2025\/10\/Capture-decran-le-2025-10-23-a-16.18.37.jpg\" data-orig-size=\"1404,938\" data-comments-opened=\"1\" data-image-meta=\"{&quot;aperture&quot;:&quot;0&quot;,&quot;credit&quot;:&quot;&quot;,&quot;camera&quot;:&quot;&quot;,&quot;caption&quot;:&quot;&quot;,&quot;created_timestamp&quot;:&quot;0&quot;,&quot;copyright&quot;:&quot;&quot;,&quot;focal_length&quot;:&quot;0&quot;,&quot;iso&quot;:&quot;0&quot;,&quot;shutter_speed&quot;:&quot;0&quot;,&quot;title&quot;:&quot;&quot;,&quot;orientation&quot;:&quot;0&quot;}\" data-image-title=\"Capture d\u2019e\u0301cran, le 2025-10-23 a\u0300 16.18.37\" data-image-description=\"\" data-medium-file=\"https:\/\/i0.wp.com\/itayachtscanada.com\/wp-content\/uploads\/2025\/10\/Capture-decran-le-2025-10-23-a-16.18.37.jpg?fit=300%2C200&#038;ssl=1\" data-large-file=\"https:\/\/i0.wp.com\/itayachtscanada.com\/wp-content\/uploads\/2025\/10\/Capture-decran-le-2025-10-23-a-16.18.37.jpg?fit=700%2C468&#038;ssl=1\" src=\"https:\/\/i0.wp.com\/itayachtscanada.com\/wp-content\/uploads\/2025\/10\/Capture-decran-le-2025-10-23-a-16.18.37.jpg?w=229&#038;h=229&#038;crop=1&#038;ssl=1\" srcset=\"https:\/\/i0.wp.com\/itayachtscanada.com\/wp-content\/uploads\/2025\/10\/Capture-decran-le-2025-10-23-a-16.18.37.jpg?resize=150%2C150&amp;ssl=1 150w, https:\/\/i0.wp.com\/itayachtscanada.com\/wp-content\/uploads\/2025\/10\/Capture-decran-le-2025-10-23-a-16.18.37.jpg?resize=60%2C60&amp;ssl=1 60w, https:\/\/i0.wp.com\/itayachtscanada.com\/wp-content\/uploads\/2025\/10\/Capture-decran-le-2025-10-23-a-16.18.37.jpg?resize=80%2C80&amp;ssl=1 80w, https:\/\/i0.wp.com\/itayachtscanada.com\/wp-content\/uploads\/2025\/10\/Capture-decran-le-2025-10-23-a-16.18.37.jpg?resize=100%2C100&amp;ssl=1 100w, https:\/\/i0.wp.com\/itayachtscanada.com\/wp-content\/uploads\/2025\/10\/Capture-decran-le-2025-10-23-a-16.18.37.jpg?resize=50%2C50&amp;ssl=1 50w, https:\/\/i0.wp.com\/itayachtscanada.com\/wp-content\/uploads\/2025\/10\/Capture-decran-le-2025-10-23-a-16.18.37.jpg?zoom=2&amp;resize=229%2C229&amp;ssl=1 458w, https:\/\/i0.wp.com\/itayachtscanada.com\/wp-content\/uploads\/2025\/10\/Capture-decran-le-2025-10-23-a-16.18.37.jpg?zoom=3&amp;resize=229%2C229&amp;ssl=1 687w\" width=\"229\" height=\"229\" loading=\"lazy\" data-original-width=\"229\" data-original-height=\"229\" itemprop=\"http:\/\/schema.org\/image\" title=\"Capture d\u2019e\u0301cran, le 2025-10-23 a\u0300 16.18.37\" alt=\"Capture d\u2019e\u0301cran, le 2025-10-23 a\u0300 16.18.37\" style=\"width: 229px; height: 229px;\" \/> <\/a> <\/div> <\/div> <div class=\"gallery-group\" style=\"width: 233px; height: 233px;\" data-original-width=\"233\" data-original-height=\"233\" > <div class=\"tiled-gallery-item \" itemprop=\"associatedMedia\" itemscope itemtype=\"http:\/\/schema.org\/ImageObject\"> <a href=\"https:\/\/itayachtscanada.com\/fr\/listing\/ferretti-850-flybridge-2018-3750000-usd-for-sale\/capture-decran-le-2025-10-23-a-16-18-34\/\" border=\"0\" itemprop=\"url\"> <meta itemprop=\"width\" content=\"229\"> <meta itemprop=\"height\" content=\"229\"> <img decoding=\"async\" class=\"\" data-attachment-id=\"292111\" data-orig-file=\"https:\/\/itayachtscanada.com\/wp-content\/uploads\/2025\/10\/Capture-decran-le-2025-10-23-a-16.18.34.jpg\" data-orig-size=\"1404,938\" data-comments-opened=\"1\" data-image-meta=\"{&quot;aperture&quot;:&quot;0&quot;,&quot;credit&quot;:&quot;&quot;,&quot;camera&quot;:&quot;&quot;,&quot;caption&quot;:&quot;&quot;,&quot;created_timestamp&quot;:&quot;0&quot;,&quot;copyright&quot;:&quot;&quot;,&quot;focal_length&quot;:&quot;0&quot;,&quot;iso&quot;:&quot;0&quot;,&quot;shutter_speed&quot;:&quot;0&quot;,&quot;title&quot;:&quot;&quot;,&quot;orientation&quot;:&quot;0&quot;}\" data-image-title=\"Capture d\u2019e\u0301cran, le 2025-10-23 a\u0300 16.18.34\" data-image-description=\"\" data-medium-file=\"https:\/\/i0.wp.com\/itayachtscanada.com\/wp-content\/uploads\/2025\/10\/Capture-decran-le-2025-10-23-a-16.18.34.jpg?fit=300%2C200&#038;ssl=1\" data-large-file=\"https:\/\/i0.wp.com\/itayachtscanada.com\/wp-content\/uploads\/2025\/10\/Capture-decran-le-2025-10-23-a-16.18.34.jpg?fit=700%2C468&#038;ssl=1\" src=\"https:\/\/i0.wp.com\/itayachtscanada.com\/wp-content\/uploads\/2025\/10\/Capture-decran-le-2025-10-23-a-16.18.34.jpg?w=229&#038;h=229&#038;crop=1&#038;ssl=1\" srcset=\"https:\/\/i0.wp.com\/itayachtscanada.com\/wp-content\/uploads\/2025\/10\/Capture-decran-le-2025-10-23-a-16.18.34.jpg?resize=150%2C150&amp;ssl=1 150w, https:\/\/i0.wp.com\/itayachtscanada.com\/wp-content\/uploads\/2025\/10\/Capture-decran-le-2025-10-23-a-16.18.34.jpg?resize=60%2C60&amp;ssl=1 60w, https:\/\/i0.wp.com\/itayachtscanada.com\/wp-content\/uploads\/2025\/10\/Capture-decran-le-2025-10-23-a-16.18.34.jpg?resize=80%2C80&amp;ssl=1 80w, https:\/\/i0.wp.com\/itayachtscanada.com\/wp-content\/uploads\/2025\/10\/Capture-decran-le-2025-10-23-a-16.18.34.jpg?resize=100%2C100&amp;ssl=1 100w, https:\/\/i0.wp.com\/itayachtscanada.com\/wp-content\/uploads\/2025\/10\/Capture-decran-le-2025-10-23-a-16.18.34.jpg?resize=50%2C50&amp;ssl=1 50w, https:\/\/i0.wp.com\/itayachtscanada.com\/wp-content\/uploads\/2025\/10\/Capture-decran-le-2025-10-23-a-16.18.34.jpg?zoom=2&amp;resize=229%2C229&amp;ssl=1 458w, https:\/\/i0.wp.com\/itayachtscanada.com\/wp-content\/uploads\/2025\/10\/Capture-decran-le-2025-10-23-a-16.18.34.jpg?zoom=3&amp;resize=229%2C229&amp;ssl=1 687w\" width=\"229\" height=\"229\" loading=\"lazy\" data-original-width=\"229\" data-original-height=\"229\" itemprop=\"http:\/\/schema.org\/image\" title=\"Capture d\u2019e\u0301cran, le 2025-10-23 a\u0300 16.18.34\" alt=\"Capture d\u2019e\u0301cran, le 2025-10-23 a\u0300 16.18.34\" style=\"width: 229px; height: 229px;\" \/> <\/a> <\/div> <\/div> <\/div> <div class=\"gallery-row\" style=\"width: 700px; height: 233px;\" data-original-width=\"700\" data-original-height=\"233\" > <div class=\"gallery-group\" style=\"width: 233px; height: 233px;\" data-original-width=\"233\" data-original-height=\"233\" > <div class=\"tiled-gallery-item \" itemprop=\"associatedMedia\" itemscope itemtype=\"http:\/\/schema.org\/ImageObject\"> <a href=\"https:\/\/itayachtscanada.com\/fr\/listing\/ferretti-850-flybridge-2018-3750000-usd-for-sale\/capture-decran-le-2025-10-23-a-16-18-31\/\" border=\"0\" itemprop=\"url\"> <meta itemprop=\"width\" content=\"229\"> <meta itemprop=\"height\" content=\"229\"> <img decoding=\"async\" class=\"\" data-attachment-id=\"292112\" data-orig-file=\"https:\/\/itayachtscanada.com\/wp-content\/uploads\/2025\/10\/Capture-decran-le-2025-10-23-a-16.18.31.jpg\" data-orig-size=\"1404,938\" data-comments-opened=\"1\" data-image-meta=\"{&quot;aperture&quot;:&quot;0&quot;,&quot;credit&quot;:&quot;&quot;,&quot;camera&quot;:&quot;&quot;,&quot;caption&quot;:&quot;&quot;,&quot;created_timestamp&quot;:&quot;0&quot;,&quot;copyright&quot;:&quot;&quot;,&quot;focal_length&quot;:&quot;0&quot;,&quot;iso&quot;:&quot;0&quot;,&quot;shutter_speed&quot;:&quot;0&quot;,&quot;title&quot;:&quot;&quot;,&quot;orientation&quot;:&quot;0&quot;}\" data-image-title=\"Capture d\u2019e\u0301cran, le 2025-10-23 a\u0300 16.18.31\" data-image-description=\"\" data-medium-file=\"https:\/\/i0.wp.com\/itayachtscanada.com\/wp-content\/uploads\/2025\/10\/Capture-decran-le-2025-10-23-a-16.18.31.jpg?fit=300%2C200&#038;ssl=1\" data-large-file=\"https:\/\/i0.wp.com\/itayachtscanada.com\/wp-content\/uploads\/2025\/10\/Capture-decran-le-2025-10-23-a-16.18.31.jpg?fit=700%2C468&#038;ssl=1\" src=\"https:\/\/i0.wp.com\/itayachtscanada.com\/wp-content\/uploads\/2025\/10\/Capture-decran-le-2025-10-23-a-16.18.31.jpg?w=229&#038;h=229&#038;crop=1&#038;ssl=1\" srcset=\"https:\/\/i0.wp.com\/itayachtscanada.com\/wp-content\/uploads\/2025\/10\/Capture-decran-le-2025-10-23-a-16.18.31.jpg?resize=150%2C150&amp;ssl=1 150w, https:\/\/i0.wp.com\/itayachtscanada.com\/wp-content\/uploads\/2025\/10\/Capture-decran-le-2025-10-23-a-16.18.31.jpg?resize=60%2C60&amp;ssl=1 60w, https:\/\/i0.wp.com\/itayachtscanada.com\/wp-content\/uploads\/2025\/10\/Capture-decran-le-2025-10-23-a-16.18.31.jpg?resize=80%2C80&amp;ssl=1 80w, https:\/\/i0.wp.com\/itayachtscanada.com\/wp-content\/uploads\/2025\/10\/Capture-decran-le-2025-10-23-a-16.18.31.jpg?resize=100%2C100&amp;ssl=1 100w, https:\/\/i0.wp.com\/itayachtscanada.com\/wp-content\/uploads\/2025\/10\/Capture-decran-le-2025-10-23-a-16.18.31.jpg?resize=50%2C50&amp;ssl=1 50w, https:\/\/i0.wp.com\/itayachtscanada.com\/wp-content\/uploads\/2025\/10\/Capture-decran-le-2025-10-23-a-16.18.31.jpg?zoom=2&amp;resize=229%2C229&amp;ssl=1 458w, https:\/\/i0.wp.com\/itayachtscanada.com\/wp-content\/uploads\/2025\/10\/Capture-decran-le-2025-10-23-a-16.18.31.jpg?zoom=3&amp;resize=229%2C229&amp;ssl=1 687w\" width=\"229\" height=\"229\" loading=\"lazy\" data-original-width=\"229\" data-original-height=\"229\" itemprop=\"http:\/\/schema.org\/image\" title=\"Capture d\u2019e\u0301cran, le 2025-10-23 a\u0300 16.18.31\" alt=\"Capture d\u2019e\u0301cran, le 2025-10-23 a\u0300 16.18.31\" style=\"width: 229px; height: 229px;\" \/> <\/a> <\/div> <\/div> <div class=\"gallery-group\" style=\"width: 233px; height: 233px;\" data-original-width=\"233\" data-original-height=\"233\" > <div class=\"tiled-gallery-item \" itemprop=\"associatedMedia\" itemscope itemtype=\"http:\/\/schema.org\/ImageObject\"> <a href=\"https:\/\/itayachtscanada.com\/fr\/listing\/ferretti-850-flybridge-2018-3750000-usd-for-sale\/capture-decran-le-2025-10-23-a-16-18-28\/\" border=\"0\" itemprop=\"url\"> <meta itemprop=\"width\" content=\"229\"> <meta itemprop=\"height\" content=\"229\"> <img decoding=\"async\" class=\"\" data-attachment-id=\"292113\" data-orig-file=\"https:\/\/itayachtscanada.com\/wp-content\/uploads\/2025\/10\/Capture-decran-le-2025-10-23-a-16.18.28.jpg\" data-orig-size=\"1404,938\" data-comments-opened=\"1\" data-image-meta=\"{&quot;aperture&quot;:&quot;0&quot;,&quot;credit&quot;:&quot;&quot;,&quot;camera&quot;:&quot;&quot;,&quot;caption&quot;:&quot;&quot;,&quot;created_timestamp&quot;:&quot;0&quot;,&quot;copyright&quot;:&quot;&quot;,&quot;focal_length&quot;:&quot;0&quot;,&quot;iso&quot;:&quot;0&quot;,&quot;shutter_speed&quot;:&quot;0&quot;,&quot;title&quot;:&quot;&quot;,&quot;orientation&quot;:&quot;0&quot;}\" data-image-title=\"Capture d\u2019e\u0301cran, le 2025-10-23 a\u0300 16.18.28\" data-image-description=\"\" data-medium-file=\"https:\/\/i0.wp.com\/itayachtscanada.com\/wp-content\/uploads\/2025\/10\/Capture-decran-le-2025-10-23-a-16.18.28.jpg?fit=300%2C200&#038;ssl=1\" data-large-file=\"https:\/\/i0.wp.com\/itayachtscanada.com\/wp-content\/uploads\/2025\/10\/Capture-decran-le-2025-10-23-a-16.18.28.jpg?fit=700%2C468&#038;ssl=1\" src=\"https:\/\/i0.wp.com\/itayachtscanada.com\/wp-content\/uploads\/2025\/10\/Capture-decran-le-2025-10-23-a-16.18.28.jpg?w=229&#038;h=229&#038;crop=1&#038;ssl=1\" srcset=\"https:\/\/i0.wp.com\/itayachtscanada.com\/wp-content\/uploads\/2025\/10\/Capture-decran-le-2025-10-23-a-16.18.28.jpg?resize=150%2C150&amp;ssl=1 150w, https:\/\/i0.wp.com\/itayachtscanada.com\/wp-content\/uploads\/2025\/10\/Capture-decran-le-2025-10-23-a-16.18.28.jpg?resize=60%2C60&amp;ssl=1 60w, https:\/\/i0.wp.com\/itayachtscanada.com\/wp-content\/uploads\/2025\/10\/Capture-decran-le-2025-10-23-a-16.18.28.jpg?resize=80%2C80&amp;ssl=1 80w, https:\/\/i0.wp.com\/itayachtscanada.com\/wp-content\/uploads\/2025\/10\/Capture-decran-le-2025-10-23-a-16.18.28.jpg?resize=100%2C100&amp;ssl=1 100w, https:\/\/i0.wp.com\/itayachtscanada.com\/wp-content\/uploads\/2025\/10\/Capture-decran-le-2025-10-23-a-16.18.28.jpg?resize=50%2C50&amp;ssl=1 50w, https:\/\/i0.wp.com\/itayachtscanada.com\/wp-content\/uploads\/2025\/10\/Capture-decran-le-2025-10-23-a-16.18.28.jpg?zoom=2&amp;resize=229%2C229&amp;ssl=1 458w, https:\/\/i0.wp.com\/itayachtscanada.com\/wp-content\/uploads\/2025\/10\/Capture-decran-le-2025-10-23-a-16.18.28.jpg?zoom=3&amp;resize=229%2C229&amp;ssl=1 687w\" width=\"229\" height=\"229\" loading=\"lazy\" data-original-width=\"229\" data-original-height=\"229\" itemprop=\"http:\/\/schema.org\/image\" title=\"Capture d\u2019e\u0301cran, le 2025-10-23 a\u0300 16.18.28\" alt=\"Capture d\u2019e\u0301cran, le 2025-10-23 a\u0300 16.18.28\" style=\"width: 229px; height: 229px;\" \/> <\/a> <\/div> <\/div> <div class=\"gallery-group\" style=\"width: 233px; height: 233px;\" data-original-width=\"233\" data-original-height=\"233\" > <div class=\"tiled-gallery-item \" itemprop=\"associatedMedia\" itemscope itemtype=\"http:\/\/schema.org\/ImageObject\"> <a href=\"https:\/\/itayachtscanada.com\/fr\/listing\/ferretti-850-flybridge-2018-3750000-usd-for-sale\/capture-decran-le-2025-10-23-a-16-18-25\/\" border=\"0\" itemprop=\"url\"> <meta itemprop=\"width\" content=\"229\"> <meta itemprop=\"height\" content=\"229\"> <img decoding=\"async\" class=\"\" data-attachment-id=\"292114\" data-orig-file=\"https:\/\/itayachtscanada.com\/wp-content\/uploads\/2025\/10\/Capture-decran-le-2025-10-23-a-16.18.25.jpg\" data-orig-size=\"1404,938\" data-comments-opened=\"1\" data-image-meta=\"{&quot;aperture&quot;:&quot;0&quot;,&quot;credit&quot;:&quot;&quot;,&quot;camera&quot;:&quot;&quot;,&quot;caption&quot;:&quot;&quot;,&quot;created_timestamp&quot;:&quot;0&quot;,&quot;copyright&quot;:&quot;&quot;,&quot;focal_length&quot;:&quot;0&quot;,&quot;iso&quot;:&quot;0&quot;,&quot;shutter_speed&quot;:&quot;0&quot;,&quot;title&quot;:&quot;&quot;,&quot;orientation&quot;:&quot;0&quot;}\" data-image-title=\"Capture d\u2019e\u0301cran, le 2025-10-23 a\u0300 16.18.25\" data-image-description=\"\" data-medium-file=\"https:\/\/i0.wp.com\/itayachtscanada.com\/wp-content\/uploads\/2025\/10\/Capture-decran-le-2025-10-23-a-16.18.25.jpg?fit=300%2C200&#038;ssl=1\" data-large-file=\"https:\/\/i0.wp.com\/itayachtscanada.com\/wp-content\/uploads\/2025\/10\/Capture-decran-le-2025-10-23-a-16.18.25.jpg?fit=700%2C468&#038;ssl=1\" src=\"https:\/\/i0.wp.com\/itayachtscanada.com\/wp-content\/uploads\/2025\/10\/Capture-decran-le-2025-10-23-a-16.18.25.jpg?w=229&#038;h=229&#038;crop=1&#038;ssl=1\" srcset=\"https:\/\/i0.wp.com\/itayachtscanada.com\/wp-content\/uploads\/2025\/10\/Capture-decran-le-2025-10-23-a-16.18.25.jpg?resize=150%2C150&amp;ssl=1 150w, https:\/\/i0.wp.com\/itayachtscanada.com\/wp-content\/uploads\/2025\/10\/Capture-decran-le-2025-10-23-a-16.18.25.jpg?resize=60%2C60&amp;ssl=1 60w, https:\/\/i0.wp.com\/itayachtscanada.com\/wp-content\/uploads\/2025\/10\/Capture-decran-le-2025-10-23-a-16.18.25.jpg?resize=80%2C80&amp;ssl=1 80w, https:\/\/i0.wp.com\/itayachtscanada.com\/wp-content\/uploads\/2025\/10\/Capture-decran-le-2025-10-23-a-16.18.25.jpg?resize=100%2C100&amp;ssl=1 100w, https:\/\/i0.wp.com\/itayachtscanada.com\/wp-content\/uploads\/2025\/10\/Capture-decran-le-2025-10-23-a-16.18.25.jpg?resize=50%2C50&amp;ssl=1 50w, https:\/\/i0.wp.com\/itayachtscanada.com\/wp-content\/uploads\/2025\/10\/Capture-decran-le-2025-10-23-a-16.18.25.jpg?zoom=2&amp;resize=229%2C229&amp;ssl=1 458w, https:\/\/i0.wp.com\/itayachtscanada.com\/wp-content\/uploads\/2025\/10\/Capture-decran-le-2025-10-23-a-16.18.25.jpg?zoom=3&amp;resize=229%2C229&amp;ssl=1 687w\" width=\"229\" height=\"229\" loading=\"lazy\" data-original-width=\"229\" data-original-height=\"229\" itemprop=\"http:\/\/schema.org\/image\" title=\"Capture d\u2019e\u0301cran, le 2025-10-23 a\u0300 16.18.25\" alt=\"Capture d\u2019e\u0301cran, le 2025-10-23 a\u0300 16.18.25\" style=\"width: 229px; height: 229px;\" \/> <\/a> <\/div> <\/div> <\/div> <div class=\"gallery-row\" style=\"width: 700px; height: 233px;\" data-original-width=\"700\" data-original-height=\"233\" > <div class=\"gallery-group\" style=\"width: 233px; height: 233px;\" data-original-width=\"233\" data-original-height=\"233\" > <div class=\"tiled-gallery-item \" itemprop=\"associatedMedia\" itemscope itemtype=\"http:\/\/schema.org\/ImageObject\"> <a href=\"https:\/\/itayachtscanada.com\/fr\/listing\/ferretti-850-flybridge-2018-3750000-usd-for-sale\/capture-decran-le-2025-10-23-a-16-18-22\/\" border=\"0\" itemprop=\"url\"> <meta itemprop=\"width\" content=\"229\"> <meta itemprop=\"height\" content=\"229\"> <img decoding=\"async\" class=\"\" data-attachment-id=\"292115\" data-orig-file=\"https:\/\/itayachtscanada.com\/wp-content\/uploads\/2025\/10\/Capture-decran-le-2025-10-23-a-16.18.22.jpg\" data-orig-size=\"1404,938\" data-comments-opened=\"1\" data-image-meta=\"{&quot;aperture&quot;:&quot;0&quot;,&quot;credit&quot;:&quot;&quot;,&quot;camera&quot;:&quot;&quot;,&quot;caption&quot;:&quot;&quot;,&quot;created_timestamp&quot;:&quot;0&quot;,&quot;copyright&quot;:&quot;&quot;,&quot;focal_length&quot;:&quot;0&quot;,&quot;iso&quot;:&quot;0&quot;,&quot;shutter_speed&quot;:&quot;0&quot;,&quot;title&quot;:&quot;&quot;,&quot;orientation&quot;:&quot;0&quot;}\" data-image-title=\"Capture d\u2019e\u0301cran, le 2025-10-23 a\u0300 16.18.22\" data-image-description=\"\" data-medium-file=\"https:\/\/i0.wp.com\/itayachtscanada.com\/wp-content\/uploads\/2025\/10\/Capture-decran-le-2025-10-23-a-16.18.22.jpg?fit=300%2C200&#038;ssl=1\" data-large-file=\"https:\/\/i0.wp.com\/itayachtscanada.com\/wp-content\/uploads\/2025\/10\/Capture-decran-le-2025-10-23-a-16.18.22.jpg?fit=700%2C468&#038;ssl=1\" src=\"https:\/\/i0.wp.com\/itayachtscanada.com\/wp-content\/uploads\/2025\/10\/Capture-decran-le-2025-10-23-a-16.18.22.jpg?w=229&#038;h=229&#038;crop=1&#038;ssl=1\" srcset=\"https:\/\/i0.wp.com\/itayachtscanada.com\/wp-content\/uploads\/2025\/10\/Capture-decran-le-2025-10-23-a-16.18.22.jpg?resize=150%2C150&amp;ssl=1 150w, https:\/\/i0.wp.com\/itayachtscanada.com\/wp-content\/uploads\/2025\/10\/Capture-decran-le-2025-10-23-a-16.18.22.jpg?resize=60%2C60&amp;ssl=1 60w, https:\/\/i0.wp.com\/itayachtscanada.com\/wp-content\/uploads\/2025\/10\/Capture-decran-le-2025-10-23-a-16.18.22.jpg?resize=80%2C80&amp;ssl=1 80w, https:\/\/i0.wp.com\/itayachtscanada.com\/wp-content\/uploads\/2025\/10\/Capture-decran-le-2025-10-23-a-16.18.22.jpg?resize=100%2C100&amp;ssl=1 100w, https:\/\/i0.wp.com\/itayachtscanada.com\/wp-content\/uploads\/2025\/10\/Capture-decran-le-2025-10-23-a-16.18.22.jpg?resize=50%2C50&amp;ssl=1 50w, https:\/\/i0.wp.com\/itayachtscanada.com\/wp-content\/uploads\/2025\/10\/Capture-decran-le-2025-10-23-a-16.18.22.jpg?zoom=2&amp;resize=229%2C229&amp;ssl=1 458w, https:\/\/i0.wp.com\/itayachtscanada.com\/wp-content\/uploads\/2025\/10\/Capture-decran-le-2025-10-23-a-16.18.22.jpg?zoom=3&amp;resize=229%2C229&amp;ssl=1 687w\" width=\"229\" height=\"229\" loading=\"lazy\" data-original-width=\"229\" data-original-height=\"229\" itemprop=\"http:\/\/schema.org\/image\" title=\"Capture d\u2019e\u0301cran, le 2025-10-23 a\u0300 16.18.22\" alt=\"Capture d\u2019e\u0301cran, le 2025-10-23 a\u0300 16.18.22\" style=\"width: 229px; height: 229px;\" \/> <\/a> <\/div> <\/div> <div class=\"gallery-group\" style=\"width: 233px; height: 233px;\" data-original-width=\"233\" data-original-height=\"233\" > <div class=\"tiled-gallery-item \" itemprop=\"associatedMedia\" itemscope itemtype=\"http:\/\/schema.org\/ImageObject\"> <a href=\"https:\/\/itayachtscanada.com\/fr\/listing\/ferretti-850-flybridge-2018-3750000-usd-for-sale\/capture-decran-le-2025-10-23-a-16-18-19\/\" border=\"0\" itemprop=\"url\"> <meta itemprop=\"width\" content=\"229\"> <meta itemprop=\"height\" content=\"229\"> <img decoding=\"async\" class=\"\" data-attachment-id=\"292116\" data-orig-file=\"https:\/\/itayachtscanada.com\/wp-content\/uploads\/2025\/10\/Capture-decran-le-2025-10-23-a-16.18.19.jpg\" data-orig-size=\"1404,938\" data-comments-opened=\"1\" data-image-meta=\"{&quot;aperture&quot;:&quot;0&quot;,&quot;credit&quot;:&quot;&quot;,&quot;camera&quot;:&quot;&quot;,&quot;caption&quot;:&quot;&quot;,&quot;created_timestamp&quot;:&quot;0&quot;,&quot;copyright&quot;:&quot;&quot;,&quot;focal_length&quot;:&quot;0&quot;,&quot;iso&quot;:&quot;0&quot;,&quot;shutter_speed&quot;:&quot;0&quot;,&quot;title&quot;:&quot;&quot;,&quot;orientation&quot;:&quot;0&quot;}\" data-image-title=\"Capture d\u2019e\u0301cran, le 2025-10-23 a\u0300 16.18.19\" data-image-description=\"\" data-medium-file=\"https:\/\/i0.wp.com\/itayachtscanada.com\/wp-content\/uploads\/2025\/10\/Capture-decran-le-2025-10-23-a-16.18.19.jpg?fit=300%2C200&#038;ssl=1\" data-large-file=\"https:\/\/i0.wp.com\/itayachtscanada.com\/wp-content\/uploads\/2025\/10\/Capture-decran-le-2025-10-23-a-16.18.19.jpg?fit=700%2C468&#038;ssl=1\" src=\"https:\/\/i0.wp.com\/itayachtscanada.com\/wp-content\/uploads\/2025\/10\/Capture-decran-le-2025-10-23-a-16.18.19.jpg?w=229&#038;h=229&#038;crop=1&#038;ssl=1\" srcset=\"https:\/\/i0.wp.com\/itayachtscanada.com\/wp-content\/uploads\/2025\/10\/Capture-decran-le-2025-10-23-a-16.18.19.jpg?resize=150%2C150&amp;ssl=1 150w, https:\/\/i0.wp.com\/itayachtscanada.com\/wp-content\/uploads\/2025\/10\/Capture-decran-le-2025-10-23-a-16.18.19.jpg?resize=60%2C60&amp;ssl=1 60w, https:\/\/i0.wp.com\/itayachtscanada.com\/wp-content\/uploads\/2025\/10\/Capture-decran-le-2025-10-23-a-16.18.19.jpg?resize=80%2C80&amp;ssl=1 80w, https:\/\/i0.wp.com\/itayachtscanada.com\/wp-content\/uploads\/2025\/10\/Capture-decran-le-2025-10-23-a-16.18.19.jpg?resize=100%2C100&amp;ssl=1 100w, https:\/\/i0.wp.com\/itayachtscanada.com\/wp-content\/uploads\/2025\/10\/Capture-decran-le-2025-10-23-a-16.18.19.jpg?resize=50%2C50&amp;ssl=1 50w, https:\/\/i0.wp.com\/itayachtscanada.com\/wp-content\/uploads\/2025\/10\/Capture-decran-le-2025-10-23-a-16.18.19.jpg?zoom=2&amp;resize=229%2C229&amp;ssl=1 458w, https:\/\/i0.wp.com\/itayachtscanada.com\/wp-content\/uploads\/2025\/10\/Capture-decran-le-2025-10-23-a-16.18.19.jpg?zoom=3&amp;resize=229%2C229&amp;ssl=1 687w\" width=\"229\" height=\"229\" loading=\"lazy\" data-original-width=\"229\" data-original-height=\"229\" itemprop=\"http:\/\/schema.org\/image\" title=\"Capture d\u2019e\u0301cran, le 2025-10-23 a\u0300 16.18.19\" alt=\"Capture d\u2019e\u0301cran, le 2025-10-23 a\u0300 16.18.19\" style=\"width: 229px; height: 229px;\" \/> <\/a> <\/div> <\/div> <div class=\"gallery-group\" style=\"width: 233px; height: 233px;\" data-original-width=\"233\" data-original-height=\"233\" > <div class=\"tiled-gallery-item \" itemprop=\"associatedMedia\" itemscope itemtype=\"http:\/\/schema.org\/ImageObject\"> <a href=\"https:\/\/itayachtscanada.com\/fr\/listing\/ferretti-850-flybridge-2018-3750000-usd-for-sale\/capture-decran-le-2025-10-23-a-16-18-16\/\" border=\"0\" itemprop=\"url\"> <meta itemprop=\"width\" content=\"229\"> <meta itemprop=\"height\" content=\"229\"> <img decoding=\"async\" class=\"\" data-attachment-id=\"292117\" data-orig-file=\"https:\/\/itayachtscanada.com\/wp-content\/uploads\/2025\/10\/Capture-decran-le-2025-10-23-a-16.18.16.jpg\" data-orig-size=\"1404,938\" data-comments-opened=\"1\" data-image-meta=\"{&quot;aperture&quot;:&quot;0&quot;,&quot;credit&quot;:&quot;&quot;,&quot;camera&quot;:&quot;&quot;,&quot;caption&quot;:&quot;&quot;,&quot;created_timestamp&quot;:&quot;0&quot;,&quot;copyright&quot;:&quot;&quot;,&quot;focal_length&quot;:&quot;0&quot;,&quot;iso&quot;:&quot;0&quot;,&quot;shutter_speed&quot;:&quot;0&quot;,&quot;title&quot;:&quot;&quot;,&quot;orientation&quot;:&quot;0&quot;}\" data-image-title=\"Capture d\u2019e\u0301cran, le 2025-10-23 a\u0300 16.18.16\" data-image-description=\"\" data-medium-file=\"https:\/\/i0.wp.com\/itayachtscanada.com\/wp-content\/uploads\/2025\/10\/Capture-decran-le-2025-10-23-a-16.18.16.jpg?fit=300%2C200&#038;ssl=1\" data-large-file=\"https:\/\/i0.wp.com\/itayachtscanada.com\/wp-content\/uploads\/2025\/10\/Capture-decran-le-2025-10-23-a-16.18.16.jpg?fit=700%2C468&#038;ssl=1\" src=\"https:\/\/i0.wp.com\/itayachtscanada.com\/wp-content\/uploads\/2025\/10\/Capture-decran-le-2025-10-23-a-16.18.16.jpg?w=229&#038;h=229&#038;crop=1&#038;ssl=1\" srcset=\"https:\/\/i0.wp.com\/itayachtscanada.com\/wp-content\/uploads\/2025\/10\/Capture-decran-le-2025-10-23-a-16.18.16.jpg?resize=150%2C150&amp;ssl=1 150w, https:\/\/i0.wp.com\/itayachtscanada.com\/wp-content\/uploads\/2025\/10\/Capture-decran-le-2025-10-23-a-16.18.16.jpg?resize=60%2C60&amp;ssl=1 60w, https:\/\/i0.wp.com\/itayachtscanada.com\/wp-content\/uploads\/2025\/10\/Capture-decran-le-2025-10-23-a-16.18.16.jpg?resize=80%2C80&amp;ssl=1 80w, https:\/\/i0.wp.com\/itayachtscanada.com\/wp-content\/uploads\/2025\/10\/Capture-decran-le-2025-10-23-a-16.18.16.jpg?resize=100%2C100&amp;ssl=1 100w, https:\/\/i0.wp.com\/itayachtscanada.com\/wp-content\/uploads\/2025\/10\/Capture-decran-le-2025-10-23-a-16.18.16.jpg?resize=50%2C50&amp;ssl=1 50w, https:\/\/i0.wp.com\/itayachtscanada.com\/wp-content\/uploads\/2025\/10\/Capture-decran-le-2025-10-23-a-16.18.16.jpg?zoom=2&amp;resize=229%2C229&amp;ssl=1 458w, https:\/\/i0.wp.com\/itayachtscanada.com\/wp-content\/uploads\/2025\/10\/Capture-decran-le-2025-10-23-a-16.18.16.jpg?zoom=3&amp;resize=229%2C229&amp;ssl=1 687w\" width=\"229\" height=\"229\" loading=\"lazy\" data-original-width=\"229\" data-original-height=\"229\" itemprop=\"http:\/\/schema.org\/image\" title=\"Capture d\u2019e\u0301cran, le 2025-10-23 a\u0300 16.18.16\" alt=\"Capture d\u2019e\u0301cran, le 2025-10-23 a\u0300 16.18.16\" style=\"width: 229px; height: 229px;\" \/> <\/a> <\/div> <\/div> <\/div> <div class=\"gallery-row\" style=\"width: 700px; height: 233px;\" data-original-width=\"700\" data-original-height=\"233\" > <div class=\"gallery-group\" style=\"width: 233px; height: 233px;\" data-original-width=\"233\" data-original-height=\"233\" > <div class=\"tiled-gallery-item \" itemprop=\"associatedMedia\" itemscope itemtype=\"http:\/\/schema.org\/ImageObject\"> <a href=\"https:\/\/itayachtscanada.com\/fr\/listing\/ferretti-850-flybridge-2018-3750000-usd-for-sale\/capture-decran-le-2025-10-23-a-16-18-13\/\" border=\"0\" itemprop=\"url\"> <meta itemprop=\"width\" content=\"229\"> <meta itemprop=\"height\" content=\"229\"> <img decoding=\"async\" class=\"\" data-attachment-id=\"292118\" data-orig-file=\"https:\/\/itayachtscanada.com\/wp-content\/uploads\/2025\/10\/Capture-decran-le-2025-10-23-a-16.18.13.jpg\" data-orig-size=\"1404,938\" data-comments-opened=\"1\" data-image-meta=\"{&quot;aperture&quot;:&quot;0&quot;,&quot;credit&quot;:&quot;&quot;,&quot;camera&quot;:&quot;&quot;,&quot;caption&quot;:&quot;&quot;,&quot;created_timestamp&quot;:&quot;0&quot;,&quot;copyright&quot;:&quot;&quot;,&quot;focal_length&quot;:&quot;0&quot;,&quot;iso&quot;:&quot;0&quot;,&quot;shutter_speed&quot;:&quot;0&quot;,&quot;title&quot;:&quot;&quot;,&quot;orientation&quot;:&quot;0&quot;}\" data-image-title=\"Capture d\u2019e\u0301cran, le 2025-10-23 a\u0300 16.18.13\" data-image-description=\"\" data-medium-file=\"https:\/\/i0.wp.com\/itayachtscanada.com\/wp-content\/uploads\/2025\/10\/Capture-decran-le-2025-10-23-a-16.18.13.jpg?fit=300%2C200&#038;ssl=1\" data-large-file=\"https:\/\/i0.wp.com\/itayachtscanada.com\/wp-content\/uploads\/2025\/10\/Capture-decran-le-2025-10-23-a-16.18.13.jpg?fit=700%2C468&#038;ssl=1\" src=\"https:\/\/i0.wp.com\/itayachtscanada.com\/wp-content\/uploads\/2025\/10\/Capture-decran-le-2025-10-23-a-16.18.13.jpg?w=229&#038;h=229&#038;crop=1&#038;ssl=1\" srcset=\"https:\/\/i0.wp.com\/itayachtscanada.com\/wp-content\/uploads\/2025\/10\/Capture-decran-le-2025-10-23-a-16.18.13.jpg?resize=150%2C150&amp;ssl=1 150w, https:\/\/i0.wp.com\/itayachtscanada.com\/wp-content\/uploads\/2025\/10\/Capture-decran-le-2025-10-23-a-16.18.13.jpg?resize=60%2C60&amp;ssl=1 60w, https:\/\/i0.wp.com\/itayachtscanada.com\/wp-content\/uploads\/2025\/10\/Capture-decran-le-2025-10-23-a-16.18.13.jpg?resize=80%2C80&amp;ssl=1 80w, https:\/\/i0.wp.com\/itayachtscanada.com\/wp-content\/uploads\/2025\/10\/Capture-decran-le-2025-10-23-a-16.18.13.jpg?resize=100%2C100&amp;ssl=1 100w, https:\/\/i0.wp.com\/itayachtscanada.com\/wp-content\/uploads\/2025\/10\/Capture-decran-le-2025-10-23-a-16.18.13.jpg?resize=50%2C50&amp;ssl=1 50w, https:\/\/i0.wp.com\/itayachtscanada.com\/wp-content\/uploads\/2025\/10\/Capture-decran-le-2025-10-23-a-16.18.13.jpg?zoom=2&amp;resize=229%2C229&amp;ssl=1 458w, https:\/\/i0.wp.com\/itayachtscanada.com\/wp-content\/uploads\/2025\/10\/Capture-decran-le-2025-10-23-a-16.18.13.jpg?zoom=3&amp;resize=229%2C229&amp;ssl=1 687w\" width=\"229\" height=\"229\" loading=\"lazy\" data-original-width=\"229\" data-original-height=\"229\" itemprop=\"http:\/\/schema.org\/image\" title=\"Capture d\u2019e\u0301cran, le 2025-10-23 a\u0300 16.18.13\" alt=\"Capture d\u2019e\u0301cran, le 2025-10-23 a\u0300 16.18.13\" style=\"width: 229px; height: 229px;\" \/> <\/a> <\/div> <\/div> <div class=\"gallery-group\" style=\"width: 233px; height: 233px;\" data-original-width=\"233\" data-original-height=\"233\" > <div class=\"tiled-gallery-item \" itemprop=\"associatedMedia\" itemscope itemtype=\"http:\/\/schema.org\/ImageObject\"> <a href=\"https:\/\/itayachtscanada.com\/fr\/listing\/ferretti-850-flybridge-2018-3750000-usd-for-sale\/capture-decran-le-2025-10-23-a-16-18-10\/\" border=\"0\" itemprop=\"url\"> <meta itemprop=\"width\" content=\"229\"> <meta itemprop=\"height\" content=\"229\"> <img decoding=\"async\" class=\"\" data-attachment-id=\"292119\" data-orig-file=\"https:\/\/itayachtscanada.com\/wp-content\/uploads\/2025\/10\/Capture-decran-le-2025-10-23-a-16.18.10.jpg\" data-orig-size=\"1404,938\" data-comments-opened=\"1\" data-image-meta=\"{&quot;aperture&quot;:&quot;0&quot;,&quot;credit&quot;:&quot;&quot;,&quot;camera&quot;:&quot;&quot;,&quot;caption&quot;:&quot;&quot;,&quot;created_timestamp&quot;:&quot;0&quot;,&quot;copyright&quot;:&quot;&quot;,&quot;focal_length&quot;:&quot;0&quot;,&quot;iso&quot;:&quot;0&quot;,&quot;shutter_speed&quot;:&quot;0&quot;,&quot;title&quot;:&quot;&quot;,&quot;orientation&quot;:&quot;0&quot;}\" data-image-title=\"Capture d\u2019e\u0301cran, le 2025-10-23 a\u0300 16.18.10\" data-image-description=\"\" data-medium-file=\"https:\/\/i0.wp.com\/itayachtscanada.com\/wp-content\/uploads\/2025\/10\/Capture-decran-le-2025-10-23-a-16.18.10.jpg?fit=300%2C200&#038;ssl=1\" data-large-file=\"https:\/\/i0.wp.com\/itayachtscanada.com\/wp-content\/uploads\/2025\/10\/Capture-decran-le-2025-10-23-a-16.18.10.jpg?fit=700%2C468&#038;ssl=1\" src=\"https:\/\/i0.wp.com\/itayachtscanada.com\/wp-content\/uploads\/2025\/10\/Capture-decran-le-2025-10-23-a-16.18.10.jpg?w=229&#038;h=229&#038;crop=1&#038;ssl=1\" srcset=\"https:\/\/i0.wp.com\/itayachtscanada.com\/wp-content\/uploads\/2025\/10\/Capture-decran-le-2025-10-23-a-16.18.10.jpg?resize=150%2C150&amp;ssl=1 150w, https:\/\/i0.wp.com\/itayachtscanada.com\/wp-content\/uploads\/2025\/10\/Capture-decran-le-2025-10-23-a-16.18.10.jpg?resize=60%2C60&amp;ssl=1 60w, https:\/\/i0.wp.com\/itayachtscanada.com\/wp-content\/uploads\/2025\/10\/Capture-decran-le-2025-10-23-a-16.18.10.jpg?resize=80%2C80&amp;ssl=1 80w, https:\/\/i0.wp.com\/itayachtscanada.com\/wp-content\/uploads\/2025\/10\/Capture-decran-le-2025-10-23-a-16.18.10.jpg?resize=100%2C100&amp;ssl=1 100w, https:\/\/i0.wp.com\/itayachtscanada.com\/wp-content\/uploads\/2025\/10\/Capture-decran-le-2025-10-23-a-16.18.10.jpg?resize=50%2C50&amp;ssl=1 50w, https:\/\/i0.wp.com\/itayachtscanada.com\/wp-content\/uploads\/2025\/10\/Capture-decran-le-2025-10-23-a-16.18.10.jpg?zoom=2&amp;resize=229%2C229&amp;ssl=1 458w, https:\/\/i0.wp.com\/itayachtscanada.com\/wp-content\/uploads\/2025\/10\/Capture-decran-le-2025-10-23-a-16.18.10.jpg?zoom=3&amp;resize=229%2C229&amp;ssl=1 687w\" width=\"229\" height=\"229\" loading=\"lazy\" data-original-width=\"229\" data-original-height=\"229\" itemprop=\"http:\/\/schema.org\/image\" title=\"Capture d\u2019e\u0301cran, le 2025-10-23 a\u0300 16.18.10\" alt=\"Capture d\u2019e\u0301cran, le 2025-10-23 a\u0300 16.18.10\" style=\"width: 229px; height: 229px;\" \/> <\/a> <\/div> <\/div> <div class=\"gallery-group\" style=\"width: 233px; height: 233px;\" data-original-width=\"233\" data-original-height=\"233\" > <div class=\"tiled-gallery-item \" itemprop=\"associatedMedia\" itemscope itemtype=\"http:\/\/schema.org\/ImageObject\"> <a href=\"https:\/\/itayachtscanada.com\/fr\/listing\/ferretti-850-flybridge-2018-3750000-usd-for-sale\/capture-decran-le-2025-10-23-a-16-18-07\/\" border=\"0\" itemprop=\"url\"> <meta itemprop=\"width\" content=\"229\"> <meta itemprop=\"height\" content=\"229\"> <img decoding=\"async\" class=\"\" data-attachment-id=\"292120\" data-orig-file=\"https:\/\/itayachtscanada.com\/wp-content\/uploads\/2025\/10\/Capture-decran-le-2025-10-23-a-16.18.07.jpg\" data-orig-size=\"1404,938\" data-comments-opened=\"1\" data-image-meta=\"{&quot;aperture&quot;:&quot;0&quot;,&quot;credit&quot;:&quot;&quot;,&quot;camera&quot;:&quot;&quot;,&quot;caption&quot;:&quot;&quot;,&quot;created_timestamp&quot;:&quot;0&quot;,&quot;copyright&quot;:&quot;&quot;,&quot;focal_length&quot;:&quot;0&quot;,&quot;iso&quot;:&quot;0&quot;,&quot;shutter_speed&quot;:&quot;0&quot;,&quot;title&quot;:&quot;&quot;,&quot;orientation&quot;:&quot;0&quot;}\" data-image-title=\"Capture d\u2019e\u0301cran, le 2025-10-23 a\u0300 16.18.07\" data-image-description=\"\" data-medium-file=\"https:\/\/i0.wp.com\/itayachtscanada.com\/wp-content\/uploads\/2025\/10\/Capture-decran-le-2025-10-23-a-16.18.07.jpg?fit=300%2C200&#038;ssl=1\" data-large-file=\"https:\/\/i0.wp.com\/itayachtscanada.com\/wp-content\/uploads\/2025\/10\/Capture-decran-le-2025-10-23-a-16.18.07.jpg?fit=700%2C468&#038;ssl=1\" src=\"https:\/\/i0.wp.com\/itayachtscanada.com\/wp-content\/uploads\/2025\/10\/Capture-decran-le-2025-10-23-a-16.18.07.jpg?w=229&#038;h=229&#038;crop=1&#038;ssl=1\" srcset=\"https:\/\/i0.wp.com\/itayachtscanada.com\/wp-content\/uploads\/2025\/10\/Capture-decran-le-2025-10-23-a-16.18.07.jpg?resize=150%2C150&amp;ssl=1 150w, https:\/\/i0.wp.com\/itayachtscanada.com\/wp-content\/uploads\/2025\/10\/Capture-decran-le-2025-10-23-a-16.18.07.jpg?resize=60%2C60&amp;ssl=1 60w, https:\/\/i0.wp.com\/itayachtscanada.com\/wp-content\/uploads\/2025\/10\/Capture-decran-le-2025-10-23-a-16.18.07.jpg?resize=80%2C80&amp;ssl=1 80w, https:\/\/i0.wp.com\/itayachtscanada.com\/wp-content\/uploads\/2025\/10\/Capture-decran-le-2025-10-23-a-16.18.07.jpg?resize=100%2C100&amp;ssl=1 100w, https:\/\/i0.wp.com\/itayachtscanada.com\/wp-content\/uploads\/2025\/10\/Capture-decran-le-2025-10-23-a-16.18.07.jpg?resize=50%2C50&amp;ssl=1 50w, https:\/\/i0.wp.com\/itayachtscanada.com\/wp-content\/uploads\/2025\/10\/Capture-decran-le-2025-10-23-a-16.18.07.jpg?zoom=2&amp;resize=229%2C229&amp;ssl=1 458w, https:\/\/i0.wp.com\/itayachtscanada.com\/wp-content\/uploads\/2025\/10\/Capture-decran-le-2025-10-23-a-16.18.07.jpg?zoom=3&amp;resize=229%2C229&amp;ssl=1 687w\" width=\"229\" height=\"229\" loading=\"lazy\" data-original-width=\"229\" data-original-height=\"229\" itemprop=\"http:\/\/schema.org\/image\" title=\"Capture d\u2019e\u0301cran, le 2025-10-23 a\u0300 16.18.07\" alt=\"Capture d\u2019e\u0301cran, le 2025-10-23 a\u0300 16.18.07\" style=\"width: 229px; height: 229px;\" \/> <\/a> <\/div> <\/div> <\/div> <div class=\"gallery-row\" style=\"width: 700px; height: 233px;\" data-original-width=\"700\" data-original-height=\"233\" > <div class=\"gallery-group\" style=\"width: 233px; height: 233px;\" data-original-width=\"233\" data-original-height=\"233\" > <div class=\"tiled-gallery-item \" itemprop=\"associatedMedia\" itemscope itemtype=\"http:\/\/schema.org\/ImageObject\"> <a href=\"https:\/\/itayachtscanada.com\/fr\/listing\/ferretti-850-flybridge-2018-3750000-usd-for-sale\/capture-decran-le-2025-10-23-a-16-18-03\/\" border=\"0\" itemprop=\"url\"> <meta itemprop=\"width\" content=\"229\"> <meta itemprop=\"height\" content=\"229\"> <img decoding=\"async\" class=\"\" data-attachment-id=\"292121\" data-orig-file=\"https:\/\/itayachtscanada.com\/wp-content\/uploads\/2025\/10\/Capture-decran-le-2025-10-23-a-16.18.03.jpg\" data-orig-size=\"1404,938\" data-comments-opened=\"1\" data-image-meta=\"{&quot;aperture&quot;:&quot;0&quot;,&quot;credit&quot;:&quot;&quot;,&quot;camera&quot;:&quot;&quot;,&quot;caption&quot;:&quot;&quot;,&quot;created_timestamp&quot;:&quot;0&quot;,&quot;copyright&quot;:&quot;&quot;,&quot;focal_length&quot;:&quot;0&quot;,&quot;iso&quot;:&quot;0&quot;,&quot;shutter_speed&quot;:&quot;0&quot;,&quot;title&quot;:&quot;&quot;,&quot;orientation&quot;:&quot;0&quot;}\" data-image-title=\"Capture d\u2019e\u0301cran, le 2025-10-23 a\u0300 16.18.03\" data-image-description=\"\" data-medium-file=\"https:\/\/i0.wp.com\/itayachtscanada.com\/wp-content\/uploads\/2025\/10\/Capture-decran-le-2025-10-23-a-16.18.03.jpg?fit=300%2C200&#038;ssl=1\" data-large-file=\"https:\/\/i0.wp.com\/itayachtscanada.com\/wp-content\/uploads\/2025\/10\/Capture-decran-le-2025-10-23-a-16.18.03.jpg?fit=700%2C468&#038;ssl=1\" src=\"https:\/\/i0.wp.com\/itayachtscanada.com\/wp-content\/uploads\/2025\/10\/Capture-decran-le-2025-10-23-a-16.18.03.jpg?w=229&#038;h=229&#038;crop=1&#038;ssl=1\" srcset=\"https:\/\/i0.wp.com\/itayachtscanada.com\/wp-content\/uploads\/2025\/10\/Capture-decran-le-2025-10-23-a-16.18.03.jpg?resize=150%2C150&amp;ssl=1 150w, https:\/\/i0.wp.com\/itayachtscanada.com\/wp-content\/uploads\/2025\/10\/Capture-decran-le-2025-10-23-a-16.18.03.jpg?resize=60%2C60&amp;ssl=1 60w, https:\/\/i0.wp.com\/itayachtscanada.com\/wp-content\/uploads\/2025\/10\/Capture-decran-le-2025-10-23-a-16.18.03.jpg?resize=80%2C80&amp;ssl=1 80w, https:\/\/i0.wp.com\/itayachtscanada.com\/wp-content\/uploads\/2025\/10\/Capture-decran-le-2025-10-23-a-16.18.03.jpg?resize=100%2C100&amp;ssl=1 100w, https:\/\/i0.wp.com\/itayachtscanada.com\/wp-content\/uploads\/2025\/10\/Capture-decran-le-2025-10-23-a-16.18.03.jpg?resize=50%2C50&amp;ssl=1 50w, https:\/\/i0.wp.com\/itayachtscanada.com\/wp-content\/uploads\/2025\/10\/Capture-decran-le-2025-10-23-a-16.18.03.jpg?zoom=2&amp;resize=229%2C229&amp;ssl=1 458w, https:\/\/i0.wp.com\/itayachtscanada.com\/wp-content\/uploads\/2025\/10\/Capture-decran-le-2025-10-23-a-16.18.03.jpg?zoom=3&amp;resize=229%2C229&amp;ssl=1 687w\" width=\"229\" height=\"229\" loading=\"lazy\" data-original-width=\"229\" data-original-height=\"229\" itemprop=\"http:\/\/schema.org\/image\" title=\"Capture d\u2019e\u0301cran, le 2025-10-23 a\u0300 16.18.03\" alt=\"Capture d\u2019e\u0301cran, le 2025-10-23 a\u0300 16.18.03\" style=\"width: 229px; height: 229px;\" \/> <\/a> <\/div> <\/div> <div class=\"gallery-group\" style=\"width: 233px; height: 233px;\" data-original-width=\"233\" data-original-height=\"233\" > <div class=\"tiled-gallery-item \" itemprop=\"associatedMedia\" itemscope itemtype=\"http:\/\/schema.org\/ImageObject\"> <a href=\"https:\/\/itayachtscanada.com\/fr\/listing\/ferretti-850-flybridge-2018-3750000-usd-for-sale\/capture-decran-le-2025-10-23-a-16-18-00\/\" border=\"0\" itemprop=\"url\"> <meta itemprop=\"width\" content=\"229\"> <meta itemprop=\"height\" content=\"229\"> <img decoding=\"async\" class=\"\" data-attachment-id=\"292122\" data-orig-file=\"https:\/\/itayachtscanada.com\/wp-content\/uploads\/2025\/10\/Capture-decran-le-2025-10-23-a-16.18.00.jpg\" data-orig-size=\"1404,938\" data-comments-opened=\"1\" data-image-meta=\"{&quot;aperture&quot;:&quot;0&quot;,&quot;credit&quot;:&quot;&quot;,&quot;camera&quot;:&quot;&quot;,&quot;caption&quot;:&quot;&quot;,&quot;created_timestamp&quot;:&quot;0&quot;,&quot;copyright&quot;:&quot;&quot;,&quot;focal_length&quot;:&quot;0&quot;,&quot;iso&quot;:&quot;0&quot;,&quot;shutter_speed&quot;:&quot;0&quot;,&quot;title&quot;:&quot;&quot;,&quot;orientation&quot;:&quot;0&quot;}\" data-image-title=\"Capture d\u2019e\u0301cran, le 2025-10-23 a\u0300 16.18.00\" data-image-description=\"\" data-medium-file=\"https:\/\/i0.wp.com\/itayachtscanada.com\/wp-content\/uploads\/2025\/10\/Capture-decran-le-2025-10-23-a-16.18.00.jpg?fit=300%2C200&#038;ssl=1\" data-large-file=\"https:\/\/i0.wp.com\/itayachtscanada.com\/wp-content\/uploads\/2025\/10\/Capture-decran-le-2025-10-23-a-16.18.00.jpg?fit=700%2C468&#038;ssl=1\" src=\"https:\/\/i0.wp.com\/itayachtscanada.com\/wp-content\/uploads\/2025\/10\/Capture-decran-le-2025-10-23-a-16.18.00.jpg?w=229&#038;h=229&#038;crop=1&#038;ssl=1\" srcset=\"https:\/\/i0.wp.com\/itayachtscanada.com\/wp-content\/uploads\/2025\/10\/Capture-decran-le-2025-10-23-a-16.18.00.jpg?resize=150%2C150&amp;ssl=1 150w, https:\/\/i0.wp.com\/itayachtscanada.com\/wp-content\/uploads\/2025\/10\/Capture-decran-le-2025-10-23-a-16.18.00.jpg?resize=60%2C60&amp;ssl=1 60w, https:\/\/i0.wp.com\/itayachtscanada.com\/wp-content\/uploads\/2025\/10\/Capture-decran-le-2025-10-23-a-16.18.00.jpg?resize=80%2C80&amp;ssl=1 80w, https:\/\/i0.wp.com\/itayachtscanada.com\/wp-content\/uploads\/2025\/10\/Capture-decran-le-2025-10-23-a-16.18.00.jpg?resize=100%2C100&amp;ssl=1 100w, https:\/\/i0.wp.com\/itayachtscanada.com\/wp-content\/uploads\/2025\/10\/Capture-decran-le-2025-10-23-a-16.18.00.jpg?resize=50%2C50&amp;ssl=1 50w, https:\/\/i0.wp.com\/itayachtscanada.com\/wp-content\/uploads\/2025\/10\/Capture-decran-le-2025-10-23-a-16.18.00.jpg?zoom=2&amp;resize=229%2C229&amp;ssl=1 458w, https:\/\/i0.wp.com\/itayachtscanada.com\/wp-content\/uploads\/2025\/10\/Capture-decran-le-2025-10-23-a-16.18.00.jpg?zoom=3&amp;resize=229%2C229&amp;ssl=1 687w\" width=\"229\" height=\"229\" loading=\"lazy\" data-original-width=\"229\" data-original-height=\"229\" itemprop=\"http:\/\/schema.org\/image\" title=\"Capture d\u2019e\u0301cran, le 2025-10-23 a\u0300 16.18.00\" alt=\"Capture d\u2019e\u0301cran, le 2025-10-23 a\u0300 16.18.00\" style=\"width: 229px; height: 229px;\" \/> <\/a> <\/div> <\/div> <div class=\"gallery-group\" style=\"width: 233px; height: 233px;\" data-original-width=\"233\" data-original-height=\"233\" > <div class=\"tiled-gallery-item \" itemprop=\"associatedMedia\" itemscope itemtype=\"http:\/\/schema.org\/ImageObject\"> <a href=\"https:\/\/itayachtscanada.com\/fr\/listing\/ferretti-850-flybridge-2018-3750000-usd-for-sale\/capture-decran-le-2025-10-23-a-16-17-57\/\" border=\"0\" itemprop=\"url\"> <meta itemprop=\"width\" content=\"229\"> <meta itemprop=\"height\" content=\"229\"> <img decoding=\"async\" class=\"\" data-attachment-id=\"292123\" data-orig-file=\"https:\/\/itayachtscanada.com\/wp-content\/uploads\/2025\/10\/Capture-decran-le-2025-10-23-a-16.17.57.jpg\" data-orig-size=\"1404,938\" data-comments-opened=\"1\" data-image-meta=\"{&quot;aperture&quot;:&quot;0&quot;,&quot;credit&quot;:&quot;&quot;,&quot;camera&quot;:&quot;&quot;,&quot;caption&quot;:&quot;&quot;,&quot;created_timestamp&quot;:&quot;0&quot;,&quot;copyright&quot;:&quot;&quot;,&quot;focal_length&quot;:&quot;0&quot;,&quot;iso&quot;:&quot;0&quot;,&quot;shutter_speed&quot;:&quot;0&quot;,&quot;title&quot;:&quot;&quot;,&quot;orientation&quot;:&quot;0&quot;}\" data-image-title=\"Capture d\u2019e\u0301cran, le 2025-10-23 a\u0300 16.17.57\" data-image-description=\"\" data-medium-file=\"https:\/\/i0.wp.com\/itayachtscanada.com\/wp-content\/uploads\/2025\/10\/Capture-decran-le-2025-10-23-a-16.17.57.jpg?fit=300%2C200&#038;ssl=1\" data-large-file=\"https:\/\/i0.wp.com\/itayachtscanada.com\/wp-content\/uploads\/2025\/10\/Capture-decran-le-2025-10-23-a-16.17.57.jpg?fit=700%2C468&#038;ssl=1\" src=\"https:\/\/i0.wp.com\/itayachtscanada.com\/wp-content\/uploads\/2025\/10\/Capture-decran-le-2025-10-23-a-16.17.57.jpg?w=229&#038;h=229&#038;crop=1&#038;ssl=1\" srcset=\"https:\/\/i0.wp.com\/itayachtscanada.com\/wp-content\/uploads\/2025\/10\/Capture-decran-le-2025-10-23-a-16.17.57.jpg?resize=150%2C150&amp;ssl=1 150w, https:\/\/i0.wp.com\/itayachtscanada.com\/wp-content\/uploads\/2025\/10\/Capture-decran-le-2025-10-23-a-16.17.57.jpg?resize=60%2C60&amp;ssl=1 60w, https:\/\/i0.wp.com\/itayachtscanada.com\/wp-content\/uploads\/2025\/10\/Capture-decran-le-2025-10-23-a-16.17.57.jpg?resize=80%2C80&amp;ssl=1 80w, https:\/\/i0.wp.com\/itayachtscanada.com\/wp-content\/uploads\/2025\/10\/Capture-decran-le-2025-10-23-a-16.17.57.jpg?resize=100%2C100&amp;ssl=1 100w, https:\/\/i0.wp.com\/itayachtscanada.com\/wp-content\/uploads\/2025\/10\/Capture-decran-le-2025-10-23-a-16.17.57.jpg?resize=50%2C50&amp;ssl=1 50w, https:\/\/i0.wp.com\/itayachtscanada.com\/wp-content\/uploads\/2025\/10\/Capture-decran-le-2025-10-23-a-16.17.57.jpg?zoom=2&amp;resize=229%2C229&amp;ssl=1 458w, https:\/\/i0.wp.com\/itayachtscanada.com\/wp-content\/uploads\/2025\/10\/Capture-decran-le-2025-10-23-a-16.17.57.jpg?zoom=3&amp;resize=229%2C229&amp;ssl=1 687w\" width=\"229\" height=\"229\" loading=\"lazy\" data-original-width=\"229\" data-original-height=\"229\" itemprop=\"http:\/\/schema.org\/image\" title=\"Capture d\u2019e\u0301cran, le 2025-10-23 a\u0300 16.17.57\" alt=\"Capture d\u2019e\u0301cran, le 2025-10-23 a\u0300 16.17.57\" style=\"width: 229px; height: 229px;\" \/> <\/a> <\/div> <\/div> <\/div> <div class=\"gallery-row\" style=\"width: 700px; height: 233px;\" data-original-width=\"700\" data-original-height=\"233\" > <div class=\"gallery-group\" style=\"width: 233px; height: 233px;\" data-original-width=\"233\" data-original-height=\"233\" > <div class=\"tiled-gallery-item \" itemprop=\"associatedMedia\" itemscope itemtype=\"http:\/\/schema.org\/ImageObject\"> <a href=\"https:\/\/itayachtscanada.com\/fr\/listing\/ferretti-850-flybridge-2018-3750000-usd-for-sale\/capture-decran-le-2025-10-23-a-16-17-53\/\" border=\"0\" itemprop=\"url\"> <meta itemprop=\"width\" content=\"229\"> <meta itemprop=\"height\" content=\"229\"> <img decoding=\"async\" class=\"\" data-attachment-id=\"292124\" data-orig-file=\"https:\/\/itayachtscanada.com\/wp-content\/uploads\/2025\/10\/Capture-decran-le-2025-10-23-a-16.17.53.jpg\" data-orig-size=\"1404,938\" data-comments-opened=\"1\" data-image-meta=\"{&quot;aperture&quot;:&quot;0&quot;,&quot;credit&quot;:&quot;&quot;,&quot;camera&quot;:&quot;&quot;,&quot;caption&quot;:&quot;&quot;,&quot;created_timestamp&quot;:&quot;0&quot;,&quot;copyright&quot;:&quot;&quot;,&quot;focal_length&quot;:&quot;0&quot;,&quot;iso&quot;:&quot;0&quot;,&quot;shutter_speed&quot;:&quot;0&quot;,&quot;title&quot;:&quot;&quot;,&quot;orientation&quot;:&quot;0&quot;}\" data-image-title=\"Capture d\u2019e\u0301cran, le 2025-10-23 a\u0300 16.17.53\" data-image-description=\"\" data-medium-file=\"https:\/\/i0.wp.com\/itayachtscanada.com\/wp-content\/uploads\/2025\/10\/Capture-decran-le-2025-10-23-a-16.17.53.jpg?fit=300%2C200&#038;ssl=1\" data-large-file=\"https:\/\/i0.wp.com\/itayachtscanada.com\/wp-content\/uploads\/2025\/10\/Capture-decran-le-2025-10-23-a-16.17.53.jpg?fit=700%2C468&#038;ssl=1\" src=\"https:\/\/i0.wp.com\/itayachtscanada.com\/wp-content\/uploads\/2025\/10\/Capture-decran-le-2025-10-23-a-16.17.53.jpg?w=229&#038;h=229&#038;crop=1&#038;ssl=1\" srcset=\"https:\/\/i0.wp.com\/itayachtscanada.com\/wp-content\/uploads\/2025\/10\/Capture-decran-le-2025-10-23-a-16.17.53.jpg?resize=150%2C150&amp;ssl=1 150w, https:\/\/i0.wp.com\/itayachtscanada.com\/wp-content\/uploads\/2025\/10\/Capture-decran-le-2025-10-23-a-16.17.53.jpg?resize=60%2C60&amp;ssl=1 60w, https:\/\/i0.wp.com\/itayachtscanada.com\/wp-content\/uploads\/2025\/10\/Capture-decran-le-2025-10-23-a-16.17.53.jpg?resize=80%2C80&amp;ssl=1 80w, https:\/\/i0.wp.com\/itayachtscanada.com\/wp-content\/uploads\/2025\/10\/Capture-decran-le-2025-10-23-a-16.17.53.jpg?resize=100%2C100&amp;ssl=1 100w, https:\/\/i0.wp.com\/itayachtscanada.com\/wp-content\/uploads\/2025\/10\/Capture-decran-le-2025-10-23-a-16.17.53.jpg?resize=50%2C50&amp;ssl=1 50w, https:\/\/i0.wp.com\/itayachtscanada.com\/wp-content\/uploads\/2025\/10\/Capture-decran-le-2025-10-23-a-16.17.53.jpg?zoom=2&amp;resize=229%2C229&amp;ssl=1 458w, https:\/\/i0.wp.com\/itayachtscanada.com\/wp-content\/uploads\/2025\/10\/Capture-decran-le-2025-10-23-a-16.17.53.jpg?zoom=3&amp;resize=229%2C229&amp;ssl=1 687w\" width=\"229\" height=\"229\" loading=\"lazy\" data-original-width=\"229\" data-original-height=\"229\" itemprop=\"http:\/\/schema.org\/image\" title=\"Capture d\u2019e\u0301cran, le 2025-10-23 a\u0300 16.17.53\" alt=\"Capture d\u2019e\u0301cran, le 2025-10-23 a\u0300 16.17.53\" style=\"width: 229px; height: 229px;\" \/> <\/a> <\/div> <\/div> <div class=\"gallery-group\" style=\"width: 233px; height: 233px;\" data-original-width=\"233\" data-original-height=\"233\" > <div class=\"tiled-gallery-item \" itemprop=\"associatedMedia\" itemscope itemtype=\"http:\/\/schema.org\/ImageObject\"> <a href=\"https:\/\/itayachtscanada.com\/fr\/listing\/ferretti-850-flybridge-2018-3750000-usd-for-sale\/capture-decran-le-2025-10-23-a-16-17-50\/\" border=\"0\" itemprop=\"url\"> <meta itemprop=\"width\" content=\"229\"> <meta itemprop=\"height\" content=\"229\"> <img decoding=\"async\" class=\"\" data-attachment-id=\"292125\" data-orig-file=\"https:\/\/itayachtscanada.com\/wp-content\/uploads\/2025\/10\/Capture-decran-le-2025-10-23-a-16.17.50.jpg\" data-orig-size=\"1404,938\" data-comments-opened=\"1\" data-image-meta=\"{&quot;aperture&quot;:&quot;0&quot;,&quot;credit&quot;:&quot;&quot;,&quot;camera&quot;:&quot;&quot;,&quot;caption&quot;:&quot;&quot;,&quot;created_timestamp&quot;:&quot;0&quot;,&quot;copyright&quot;:&quot;&quot;,&quot;focal_length&quot;:&quot;0&quot;,&quot;iso&quot;:&quot;0&quot;,&quot;shutter_speed&quot;:&quot;0&quot;,&quot;title&quot;:&quot;&quot;,&quot;orientation&quot;:&quot;0&quot;}\" data-image-title=\"Capture d\u2019e\u0301cran, le 2025-10-23 a\u0300 16.17.50\" data-image-description=\"\" data-medium-file=\"https:\/\/i0.wp.com\/itayachtscanada.com\/wp-content\/uploads\/2025\/10\/Capture-decran-le-2025-10-23-a-16.17.50.jpg?fit=300%2C200&#038;ssl=1\" data-large-file=\"https:\/\/i0.wp.com\/itayachtscanada.com\/wp-content\/uploads\/2025\/10\/Capture-decran-le-2025-10-23-a-16.17.50.jpg?fit=700%2C468&#038;ssl=1\" src=\"https:\/\/i0.wp.com\/itayachtscanada.com\/wp-content\/uploads\/2025\/10\/Capture-decran-le-2025-10-23-a-16.17.50.jpg?w=229&#038;h=229&#038;crop=1&#038;ssl=1\" srcset=\"https:\/\/i0.wp.com\/itayachtscanada.com\/wp-content\/uploads\/2025\/10\/Capture-decran-le-2025-10-23-a-16.17.50.jpg?resize=150%2C150&amp;ssl=1 150w, https:\/\/i0.wp.com\/itayachtscanada.com\/wp-content\/uploads\/2025\/10\/Capture-decran-le-2025-10-23-a-16.17.50.jpg?resize=60%2C60&amp;ssl=1 60w, https:\/\/i0.wp.com\/itayachtscanada.com\/wp-content\/uploads\/2025\/10\/Capture-decran-le-2025-10-23-a-16.17.50.jpg?resize=80%2C80&amp;ssl=1 80w, https:\/\/i0.wp.com\/itayachtscanada.com\/wp-content\/uploads\/2025\/10\/Capture-decran-le-2025-10-23-a-16.17.50.jpg?resize=100%2C100&amp;ssl=1 100w, https:\/\/i0.wp.com\/itayachtscanada.com\/wp-content\/uploads\/2025\/10\/Capture-decran-le-2025-10-23-a-16.17.50.jpg?resize=50%2C50&amp;ssl=1 50w, https:\/\/i0.wp.com\/itayachtscanada.com\/wp-content\/uploads\/2025\/10\/Capture-decran-le-2025-10-23-a-16.17.50.jpg?zoom=2&amp;resize=229%2C229&amp;ssl=1 458w, https:\/\/i0.wp.com\/itayachtscanada.com\/wp-content\/uploads\/2025\/10\/Capture-decran-le-2025-10-23-a-16.17.50.jpg?zoom=3&amp;resize=229%2C229&amp;ssl=1 687w\" width=\"229\" height=\"229\" loading=\"lazy\" data-original-width=\"229\" data-original-height=\"229\" itemprop=\"http:\/\/schema.org\/image\" title=\"Capture d\u2019e\u0301cran, le 2025-10-23 a\u0300 16.17.50\" alt=\"Capture d\u2019e\u0301cran, le 2025-10-23 a\u0300 16.17.50\" style=\"width: 229px; height: 229px;\" \/> <\/a> <\/div> <\/div> <div class=\"gallery-group\" style=\"width: 233px; height: 233px;\" data-original-width=\"233\" data-original-height=\"233\" > <div class=\"tiled-gallery-item \" itemprop=\"associatedMedia\" itemscope itemtype=\"http:\/\/schema.org\/ImageObject\"> <a href=\"https:\/\/itayachtscanada.com\/fr\/listing\/ferretti-850-flybridge-2018-3750000-usd-for-sale\/capture-decran-le-2025-10-23-a-16-17-47\/\" border=\"0\" itemprop=\"url\"> <meta itemprop=\"width\" content=\"229\"> <meta itemprop=\"height\" content=\"229\"> <img decoding=\"async\" class=\"\" data-attachment-id=\"292126\" data-orig-file=\"https:\/\/itayachtscanada.com\/wp-content\/uploads\/2025\/10\/Capture-decran-le-2025-10-23-a-16.17.47.jpg\" data-orig-size=\"1404,938\" data-comments-opened=\"1\" data-image-meta=\"{&quot;aperture&quot;:&quot;0&quot;,&quot;credit&quot;:&quot;&quot;,&quot;camera&quot;:&quot;&quot;,&quot;caption&quot;:&quot;&quot;,&quot;created_timestamp&quot;:&quot;0&quot;,&quot;copyright&quot;:&quot;&quot;,&quot;focal_length&quot;:&quot;0&quot;,&quot;iso&quot;:&quot;0&quot;,&quot;shutter_speed&quot;:&quot;0&quot;,&quot;title&quot;:&quot;&quot;,&quot;orientation&quot;:&quot;0&quot;}\" data-image-title=\"Capture d\u2019e\u0301cran, le 2025-10-23 a\u0300 16.17.47\" data-image-description=\"\" data-medium-file=\"https:\/\/i0.wp.com\/itayachtscanada.com\/wp-content\/uploads\/2025\/10\/Capture-decran-le-2025-10-23-a-16.17.47.jpg?fit=300%2C200&#038;ssl=1\" data-large-file=\"https:\/\/i0.wp.com\/itayachtscanada.com\/wp-content\/uploads\/2025\/10\/Capture-decran-le-2025-10-23-a-16.17.47.jpg?fit=700%2C468&#038;ssl=1\" src=\"https:\/\/i0.wp.com\/itayachtscanada.com\/wp-content\/uploads\/2025\/10\/Capture-decran-le-2025-10-23-a-16.17.47.jpg?w=229&#038;h=229&#038;crop=1&#038;ssl=1\" srcset=\"https:\/\/i0.wp.com\/itayachtscanada.com\/wp-content\/uploads\/2025\/10\/Capture-decran-le-2025-10-23-a-16.17.47.jpg?resize=150%2C150&amp;ssl=1 150w, https:\/\/i0.wp.com\/itayachtscanada.com\/wp-content\/uploads\/2025\/10\/Capture-decran-le-2025-10-23-a-16.17.47.jpg?resize=60%2C60&amp;ssl=1 60w, https:\/\/i0.wp.com\/itayachtscanada.com\/wp-content\/uploads\/2025\/10\/Capture-decran-le-2025-10-23-a-16.17.47.jpg?resize=80%2C80&amp;ssl=1 80w, https:\/\/i0.wp.com\/itayachtscanada.com\/wp-content\/uploads\/2025\/10\/Capture-decran-le-2025-10-23-a-16.17.47.jpg?resize=100%2C100&amp;ssl=1 100w, https:\/\/i0.wp.com\/itayachtscanada.com\/wp-content\/uploads\/2025\/10\/Capture-decran-le-2025-10-23-a-16.17.47.jpg?resize=50%2C50&amp;ssl=1 50w, https:\/\/i0.wp.com\/itayachtscanada.com\/wp-content\/uploads\/2025\/10\/Capture-decran-le-2025-10-23-a-16.17.47.jpg?zoom=2&amp;resize=229%2C229&amp;ssl=1 458w, https:\/\/i0.wp.com\/itayachtscanada.com\/wp-content\/uploads\/2025\/10\/Capture-decran-le-2025-10-23-a-16.17.47.jpg?zoom=3&amp;resize=229%2C229&amp;ssl=1 687w\" width=\"229\" height=\"229\" loading=\"lazy\" data-original-width=\"229\" data-original-height=\"229\" itemprop=\"http:\/\/schema.org\/image\" title=\"Capture d\u2019e\u0301cran, le 2025-10-23 a\u0300 16.17.47\" alt=\"Capture d\u2019e\u0301cran, le 2025-10-23 a\u0300 16.17.47\" style=\"width: 229px; height: 229px;\" \/> <\/a> <\/div> <\/div> <\/div> <div class=\"gallery-row\" style=\"width: 700px; height: 233px;\" data-original-width=\"700\" data-original-height=\"233\" > <div class=\"gallery-group\" style=\"width: 233px; height: 233px;\" data-original-width=\"233\" data-original-height=\"233\" > <div class=\"tiled-gallery-item \" itemprop=\"associatedMedia\" itemscope itemtype=\"http:\/\/schema.org\/ImageObject\"> <a href=\"https:\/\/itayachtscanada.com\/fr\/listing\/ferretti-850-flybridge-2018-3750000-usd-for-sale\/capture-decran-le-2025-10-23-a-16-17-44\/\" border=\"0\" itemprop=\"url\"> <meta itemprop=\"width\" content=\"229\"> <meta itemprop=\"height\" content=\"229\"> <img decoding=\"async\" class=\"\" data-attachment-id=\"292127\" data-orig-file=\"https:\/\/itayachtscanada.com\/wp-content\/uploads\/2025\/10\/Capture-decran-le-2025-10-23-a-16.17.44.jpg\" data-orig-size=\"1404,938\" data-comments-opened=\"1\" data-image-meta=\"{&quot;aperture&quot;:&quot;0&quot;,&quot;credit&quot;:&quot;&quot;,&quot;camera&quot;:&quot;&quot;,&quot;caption&quot;:&quot;&quot;,&quot;created_timestamp&quot;:&quot;0&quot;,&quot;copyright&quot;:&quot;&quot;,&quot;focal_length&quot;:&quot;0&quot;,&quot;iso&quot;:&quot;0&quot;,&quot;shutter_speed&quot;:&quot;0&quot;,&quot;title&quot;:&quot;&quot;,&quot;orientation&quot;:&quot;0&quot;}\" data-image-title=\"Capture d\u2019e\u0301cran, le 2025-10-23 a\u0300 16.17.44\" data-image-description=\"\" data-medium-file=\"https:\/\/i0.wp.com\/itayachtscanada.com\/wp-content\/uploads\/2025\/10\/Capture-decran-le-2025-10-23-a-16.17.44.jpg?fit=300%2C200&#038;ssl=1\" data-large-file=\"https:\/\/i0.wp.com\/itayachtscanada.com\/wp-content\/uploads\/2025\/10\/Capture-decran-le-2025-10-23-a-16.17.44.jpg?fit=700%2C468&#038;ssl=1\" src=\"https:\/\/i0.wp.com\/itayachtscanada.com\/wp-content\/uploads\/2025\/10\/Capture-decran-le-2025-10-23-a-16.17.44.jpg?w=229&#038;h=229&#038;crop=1&#038;ssl=1\" srcset=\"https:\/\/i0.wp.com\/itayachtscanada.com\/wp-content\/uploads\/2025\/10\/Capture-decran-le-2025-10-23-a-16.17.44.jpg?resize=150%2C150&amp;ssl=1 150w, https:\/\/i0.wp.com\/itayachtscanada.com\/wp-content\/uploads\/2025\/10\/Capture-decran-le-2025-10-23-a-16.17.44.jpg?resize=60%2C60&amp;ssl=1 60w, https:\/\/i0.wp.com\/itayachtscanada.com\/wp-content\/uploads\/2025\/10\/Capture-decran-le-2025-10-23-a-16.17.44.jpg?resize=80%2C80&amp;ssl=1 80w, https:\/\/i0.wp.com\/itayachtscanada.com\/wp-content\/uploads\/2025\/10\/Capture-decran-le-2025-10-23-a-16.17.44.jpg?resize=100%2C100&amp;ssl=1 100w, https:\/\/i0.wp.com\/itayachtscanada.com\/wp-content\/uploads\/2025\/10\/Capture-decran-le-2025-10-23-a-16.17.44.jpg?resize=50%2C50&amp;ssl=1 50w, https:\/\/i0.wp.com\/itayachtscanada.com\/wp-content\/uploads\/2025\/10\/Capture-decran-le-2025-10-23-a-16.17.44.jpg?zoom=2&amp;resize=229%2C229&amp;ssl=1 458w, https:\/\/i0.wp.com\/itayachtscanada.com\/wp-content\/uploads\/2025\/10\/Capture-decran-le-2025-10-23-a-16.17.44.jpg?zoom=3&amp;resize=229%2C229&amp;ssl=1 687w\" width=\"229\" height=\"229\" loading=\"lazy\" data-original-width=\"229\" data-original-height=\"229\" itemprop=\"http:\/\/schema.org\/image\" title=\"Capture d\u2019e\u0301cran, le 2025-10-23 a\u0300 16.17.44\" alt=\"Capture d\u2019e\u0301cran, le 2025-10-23 a\u0300 16.17.44\" style=\"width: 229px; height: 229px;\" \/> <\/a> <\/div> <\/div> <div class=\"gallery-group\" style=\"width: 233px; height: 233px;\" data-original-width=\"233\" data-original-height=\"233\" > <div class=\"tiled-gallery-item \" itemprop=\"associatedMedia\" itemscope itemtype=\"http:\/\/schema.org\/ImageObject\"> <a href=\"https:\/\/itayachtscanada.com\/fr\/listing\/ferretti-850-flybridge-2018-3750000-usd-for-sale\/capture-decran-le-2025-10-23-a-16-17-40\/\" border=\"0\" itemprop=\"url\"> <meta itemprop=\"width\" content=\"229\"> <meta itemprop=\"height\" content=\"229\"> <img decoding=\"async\" class=\"\" data-attachment-id=\"292128\" data-orig-file=\"https:\/\/itayachtscanada.com\/wp-content\/uploads\/2025\/10\/Capture-decran-le-2025-10-23-a-16.17.40.jpg\" data-orig-size=\"1404,938\" data-comments-opened=\"1\" data-image-meta=\"{&quot;aperture&quot;:&quot;0&quot;,&quot;credit&quot;:&quot;&quot;,&quot;camera&quot;:&quot;&quot;,&quot;caption&quot;:&quot;&quot;,&quot;created_timestamp&quot;:&quot;0&quot;,&quot;copyright&quot;:&quot;&quot;,&quot;focal_length&quot;:&quot;0&quot;,&quot;iso&quot;:&quot;0&quot;,&quot;shutter_speed&quot;:&quot;0&quot;,&quot;title&quot;:&quot;&quot;,&quot;orientation&quot;:&quot;0&quot;}\" data-image-title=\"Capture d\u2019e\u0301cran, le 2025-10-23 a\u0300 16.17.40\" data-image-description=\"\" data-medium-file=\"https:\/\/i0.wp.com\/itayachtscanada.com\/wp-content\/uploads\/2025\/10\/Capture-decran-le-2025-10-23-a-16.17.40.jpg?fit=300%2C200&#038;ssl=1\" data-large-file=\"https:\/\/i0.wp.com\/itayachtscanada.com\/wp-content\/uploads\/2025\/10\/Capture-decran-le-2025-10-23-a-16.17.40.jpg?fit=700%2C468&#038;ssl=1\" src=\"https:\/\/i0.wp.com\/itayachtscanada.com\/wp-content\/uploads\/2025\/10\/Capture-decran-le-2025-10-23-a-16.17.40.jpg?w=229&#038;h=229&#038;crop=1&#038;ssl=1\" srcset=\"https:\/\/i0.wp.com\/itayachtscanada.com\/wp-content\/uploads\/2025\/10\/Capture-decran-le-2025-10-23-a-16.17.40.jpg?resize=150%2C150&amp;ssl=1 150w, https:\/\/i0.wp.com\/itayachtscanada.com\/wp-content\/uploads\/2025\/10\/Capture-decran-le-2025-10-23-a-16.17.40.jpg?resize=60%2C60&amp;ssl=1 60w, https:\/\/i0.wp.com\/itayachtscanada.com\/wp-content\/uploads\/2025\/10\/Capture-decran-le-2025-10-23-a-16.17.40.jpg?resize=80%2C80&amp;ssl=1 80w, https:\/\/i0.wp.com\/itayachtscanada.com\/wp-content\/uploads\/2025\/10\/Capture-decran-le-2025-10-23-a-16.17.40.jpg?resize=100%2C100&amp;ssl=1 100w, https:\/\/i0.wp.com\/itayachtscanada.com\/wp-content\/uploads\/2025\/10\/Capture-decran-le-2025-10-23-a-16.17.40.jpg?resize=50%2C50&amp;ssl=1 50w, https:\/\/i0.wp.com\/itayachtscanada.com\/wp-content\/uploads\/2025\/10\/Capture-decran-le-2025-10-23-a-16.17.40.jpg?zoom=2&amp;resize=229%2C229&amp;ssl=1 458w, https:\/\/i0.wp.com\/itayachtscanada.com\/wp-content\/uploads\/2025\/10\/Capture-decran-le-2025-10-23-a-16.17.40.jpg?zoom=3&amp;resize=229%2C229&amp;ssl=1 687w\" width=\"229\" height=\"229\" loading=\"lazy\" data-original-width=\"229\" data-original-height=\"229\" itemprop=\"http:\/\/schema.org\/image\" title=\"Capture d\u2019e\u0301cran, le 2025-10-23 a\u0300 16.17.40\" alt=\"Capture d\u2019e\u0301cran, le 2025-10-23 a\u0300 16.17.40\" style=\"width: 229px; height: 229px;\" \/> <\/a> <\/div> <\/div> <div class=\"gallery-group\" style=\"width: 233px; height: 233px;\" data-original-width=\"233\" data-original-height=\"233\" > <div class=\"tiled-gallery-item \" itemprop=\"associatedMedia\" itemscope itemtype=\"http:\/\/schema.org\/ImageObject\"> <a href=\"https:\/\/itayachtscanada.com\/fr\/listing\/ferretti-850-flybridge-2018-3750000-usd-for-sale\/capture-decran-le-2025-10-23-a-16-17-37\/\" border=\"0\" itemprop=\"url\"> <meta itemprop=\"width\" content=\"229\"> <meta itemprop=\"height\" content=\"229\"> <img decoding=\"async\" class=\"\" data-attachment-id=\"292129\" data-orig-file=\"https:\/\/itayachtscanada.com\/wp-content\/uploads\/2025\/10\/Capture-decran-le-2025-10-23-a-16.17.37.jpg\" data-orig-size=\"1404,938\" data-comments-opened=\"1\" data-image-meta=\"{&quot;aperture&quot;:&quot;0&quot;,&quot;credit&quot;:&quot;&quot;,&quot;camera&quot;:&quot;&quot;,&quot;caption&quot;:&quot;&quot;,&quot;created_timestamp&quot;:&quot;0&quot;,&quot;copyright&quot;:&quot;&quot;,&quot;focal_length&quot;:&quot;0&quot;,&quot;iso&quot;:&quot;0&quot;,&quot;shutter_speed&quot;:&quot;0&quot;,&quot;title&quot;:&quot;&quot;,&quot;orientation&quot;:&quot;0&quot;}\" data-image-title=\"Capture d\u2019e\u0301cran, le 2025-10-23 a\u0300 16.17.37\" data-image-description=\"\" data-medium-file=\"https:\/\/i0.wp.com\/itayachtscanada.com\/wp-content\/uploads\/2025\/10\/Capture-decran-le-2025-10-23-a-16.17.37.jpg?fit=300%2C200&#038;ssl=1\" data-large-file=\"https:\/\/i0.wp.com\/itayachtscanada.com\/wp-content\/uploads\/2025\/10\/Capture-decran-le-2025-10-23-a-16.17.37.jpg?fit=700%2C468&#038;ssl=1\" src=\"https:\/\/i0.wp.com\/itayachtscanada.com\/wp-content\/uploads\/2025\/10\/Capture-decran-le-2025-10-23-a-16.17.37.jpg?w=229&#038;h=229&#038;crop=1&#038;ssl=1\" srcset=\"https:\/\/i0.wp.com\/itayachtscanada.com\/wp-content\/uploads\/2025\/10\/Capture-decran-le-2025-10-23-a-16.17.37.jpg?resize=150%2C150&amp;ssl=1 150w, https:\/\/i0.wp.com\/itayachtscanada.com\/wp-content\/uploads\/2025\/10\/Capture-decran-le-2025-10-23-a-16.17.37.jpg?resize=60%2C60&amp;ssl=1 60w, https:\/\/i0.wp.com\/itayachtscanada.com\/wp-content\/uploads\/2025\/10\/Capture-decran-le-2025-10-23-a-16.17.37.jpg?resize=80%2C80&amp;ssl=1 80w, https:\/\/i0.wp.com\/itayachtscanada.com\/wp-content\/uploads\/2025\/10\/Capture-decran-le-2025-10-23-a-16.17.37.jpg?resize=100%2C100&amp;ssl=1 100w, https:\/\/i0.wp.com\/itayachtscanada.com\/wp-content\/uploads\/2025\/10\/Capture-decran-le-2025-10-23-a-16.17.37.jpg?resize=50%2C50&amp;ssl=1 50w, https:\/\/i0.wp.com\/itayachtscanada.com\/wp-content\/uploads\/2025\/10\/Capture-decran-le-2025-10-23-a-16.17.37.jpg?zoom=2&amp;resize=229%2C229&amp;ssl=1 458w, https:\/\/i0.wp.com\/itayachtscanada.com\/wp-content\/uploads\/2025\/10\/Capture-decran-le-2025-10-23-a-16.17.37.jpg?zoom=3&amp;resize=229%2C229&amp;ssl=1 687w\" width=\"229\" height=\"229\" loading=\"lazy\" data-original-width=\"229\" data-original-height=\"229\" itemprop=\"http:\/\/schema.org\/image\" title=\"Capture d\u2019e\u0301cran, le 2025-10-23 a\u0300 16.17.37\" alt=\"Capture d\u2019e\u0301cran, le 2025-10-23 a\u0300 16.17.37\" style=\"width: 229px; height: 229px;\" \/> <\/a> <\/div> <\/div> <\/div> <div class=\"gallery-row\" style=\"width: 700px; height: 233px;\" data-original-width=\"700\" data-original-height=\"233\" > <div class=\"gallery-group\" style=\"width: 233px; height: 233px;\" data-original-width=\"233\" data-original-height=\"233\" > <div class=\"tiled-gallery-item \" itemprop=\"associatedMedia\" itemscope itemtype=\"http:\/\/schema.org\/ImageObject\"> <a href=\"https:\/\/itayachtscanada.com\/fr\/listing\/ferretti-850-flybridge-2018-3750000-usd-for-sale\/capture-decran-le-2025-10-23-a-16-17-34\/\" border=\"0\" itemprop=\"url\"> <meta itemprop=\"width\" content=\"229\"> <meta itemprop=\"height\" content=\"229\"> <img decoding=\"async\" class=\"\" data-attachment-id=\"292130\" data-orig-file=\"https:\/\/itayachtscanada.com\/wp-content\/uploads\/2025\/10\/Capture-decran-le-2025-10-23-a-16.17.34.jpg\" data-orig-size=\"1404,938\" data-comments-opened=\"1\" data-image-meta=\"{&quot;aperture&quot;:&quot;0&quot;,&quot;credit&quot;:&quot;&quot;,&quot;camera&quot;:&quot;&quot;,&quot;caption&quot;:&quot;&quot;,&quot;created_timestamp&quot;:&quot;0&quot;,&quot;copyright&quot;:&quot;&quot;,&quot;focal_length&quot;:&quot;0&quot;,&quot;iso&quot;:&quot;0&quot;,&quot;shutter_speed&quot;:&quot;0&quot;,&quot;title&quot;:&quot;&quot;,&quot;orientation&quot;:&quot;0&quot;}\" data-image-title=\"Capture d\u2019e\u0301cran, le 2025-10-23 a\u0300 16.17.34\" data-image-description=\"\" data-medium-file=\"https:\/\/i0.wp.com\/itayachtscanada.com\/wp-content\/uploads\/2025\/10\/Capture-decran-le-2025-10-23-a-16.17.34.jpg?fit=300%2C200&#038;ssl=1\" data-large-file=\"https:\/\/i0.wp.com\/itayachtscanada.com\/wp-content\/uploads\/2025\/10\/Capture-decran-le-2025-10-23-a-16.17.34.jpg?fit=700%2C468&#038;ssl=1\" src=\"https:\/\/i0.wp.com\/itayachtscanada.com\/wp-content\/uploads\/2025\/10\/Capture-decran-le-2025-10-23-a-16.17.34.jpg?w=229&#038;h=229&#038;crop=1&#038;ssl=1\" srcset=\"https:\/\/i0.wp.com\/itayachtscanada.com\/wp-content\/uploads\/2025\/10\/Capture-decran-le-2025-10-23-a-16.17.34.jpg?resize=150%2C150&amp;ssl=1 150w, https:\/\/i0.wp.com\/itayachtscanada.com\/wp-content\/uploads\/2025\/10\/Capture-decran-le-2025-10-23-a-16.17.34.jpg?resize=60%2C60&amp;ssl=1 60w, https:\/\/i0.wp.com\/itayachtscanada.com\/wp-content\/uploads\/2025\/10\/Capture-decran-le-2025-10-23-a-16.17.34.jpg?resize=80%2C80&amp;ssl=1 80w, https:\/\/i0.wp.com\/itayachtscanada.com\/wp-content\/uploads\/2025\/10\/Capture-decran-le-2025-10-23-a-16.17.34.jpg?resize=100%2C100&amp;ssl=1 100w, https:\/\/i0.wp.com\/itayachtscanada.com\/wp-content\/uploads\/2025\/10\/Capture-decran-le-2025-10-23-a-16.17.34.jpg?resize=50%2C50&amp;ssl=1 50w, https:\/\/i0.wp.com\/itayachtscanada.com\/wp-content\/uploads\/2025\/10\/Capture-decran-le-2025-10-23-a-16.17.34.jpg?zoom=2&amp;resize=229%2C229&amp;ssl=1 458w, https:\/\/i0.wp.com\/itayachtscanada.com\/wp-content\/uploads\/2025\/10\/Capture-decran-le-2025-10-23-a-16.17.34.jpg?zoom=3&amp;resize=229%2C229&amp;ssl=1 687w\" width=\"229\" height=\"229\" loading=\"lazy\" data-original-width=\"229\" data-original-height=\"229\" itemprop=\"http:\/\/schema.org\/image\" title=\"Capture d\u2019e\u0301cran, le 2025-10-23 a\u0300 16.17.34\" alt=\"Capture d\u2019e\u0301cran, le 2025-10-23 a\u0300 16.17.34\" style=\"width: 229px; height: 229px;\" \/> <\/a> <\/div> <\/div> <div class=\"gallery-group\" style=\"width: 233px; height: 233px;\" data-original-width=\"233\" data-original-height=\"233\" > <div class=\"tiled-gallery-item \" itemprop=\"associatedMedia\" itemscope itemtype=\"http:\/\/schema.org\/ImageObject\"> <a href=\"https:\/\/itayachtscanada.com\/fr\/listing\/ferretti-850-flybridge-2018-3750000-usd-for-sale\/capture-decran-le-2025-10-23-a-16-17-31\/\" border=\"0\" itemprop=\"url\"> <meta itemprop=\"width\" content=\"229\"> <meta itemprop=\"height\" content=\"229\"> <img decoding=\"async\" class=\"\" data-attachment-id=\"292131\" data-orig-file=\"https:\/\/itayachtscanada.com\/wp-content\/uploads\/2025\/10\/Capture-decran-le-2025-10-23-a-16.17.31.jpg\" data-orig-size=\"1404,938\" data-comments-opened=\"1\" data-image-meta=\"{&quot;aperture&quot;:&quot;0&quot;,&quot;credit&quot;:&quot;&quot;,&quot;camera&quot;:&quot;&quot;,&quot;caption&quot;:&quot;&quot;,&quot;created_timestamp&quot;:&quot;0&quot;,&quot;copyright&quot;:&quot;&quot;,&quot;focal_length&quot;:&quot;0&quot;,&quot;iso&quot;:&quot;0&quot;,&quot;shutter_speed&quot;:&quot;0&quot;,&quot;title&quot;:&quot;&quot;,&quot;orientation&quot;:&quot;0&quot;}\" data-image-title=\"Capture d\u2019e\u0301cran, le 2025-10-23 a\u0300 16.17.31\" data-image-description=\"\" data-medium-file=\"https:\/\/i0.wp.com\/itayachtscanada.com\/wp-content\/uploads\/2025\/10\/Capture-decran-le-2025-10-23-a-16.17.31.jpg?fit=300%2C200&#038;ssl=1\" data-large-file=\"https:\/\/i0.wp.com\/itayachtscanada.com\/wp-content\/uploads\/2025\/10\/Capture-decran-le-2025-10-23-a-16.17.31.jpg?fit=700%2C468&#038;ssl=1\" src=\"https:\/\/i0.wp.com\/itayachtscanada.com\/wp-content\/uploads\/2025\/10\/Capture-decran-le-2025-10-23-a-16.17.31.jpg?w=229&#038;h=229&#038;crop=1&#038;ssl=1\" srcset=\"https:\/\/i0.wp.com\/itayachtscanada.com\/wp-content\/uploads\/2025\/10\/Capture-decran-le-2025-10-23-a-16.17.31.jpg?resize=150%2C150&amp;ssl=1 150w, https:\/\/i0.wp.com\/itayachtscanada.com\/wp-content\/uploads\/2025\/10\/Capture-decran-le-2025-10-23-a-16.17.31.jpg?resize=60%2C60&amp;ssl=1 60w, https:\/\/i0.wp.com\/itayachtscanada.com\/wp-content\/uploads\/2025\/10\/Capture-decran-le-2025-10-23-a-16.17.31.jpg?resize=80%2C80&amp;ssl=1 80w, https:\/\/i0.wp.com\/itayachtscanada.com\/wp-content\/uploads\/2025\/10\/Capture-decran-le-2025-10-23-a-16.17.31.jpg?resize=100%2C100&amp;ssl=1 100w, https:\/\/i0.wp.com\/itayachtscanada.com\/wp-content\/uploads\/2025\/10\/Capture-decran-le-2025-10-23-a-16.17.31.jpg?resize=50%2C50&amp;ssl=1 50w, https:\/\/i0.wp.com\/itayachtscanada.com\/wp-content\/uploads\/2025\/10\/Capture-decran-le-2025-10-23-a-16.17.31.jpg?zoom=2&amp;resize=229%2C229&amp;ssl=1 458w, https:\/\/i0.wp.com\/itayachtscanada.com\/wp-content\/uploads\/2025\/10\/Capture-decran-le-2025-10-23-a-16.17.31.jpg?zoom=3&amp;resize=229%2C229&amp;ssl=1 687w\" width=\"229\" height=\"229\" loading=\"lazy\" data-original-width=\"229\" data-original-height=\"229\" itemprop=\"http:\/\/schema.org\/image\" title=\"Capture d\u2019e\u0301cran, le 2025-10-23 a\u0300 16.17.31\" alt=\"Capture d\u2019e\u0301cran, le 2025-10-23 a\u0300 16.17.31\" style=\"width: 229px; height: 229px;\" \/> <\/a> <\/div> <\/div> <div class=\"gallery-group\" style=\"width: 233px; height: 233px;\" data-original-width=\"233\" data-original-height=\"233\" > <div class=\"tiled-gallery-item \" itemprop=\"associatedMedia\" itemscope itemtype=\"http:\/\/schema.org\/ImageObject\"> <a href=\"https:\/\/itayachtscanada.com\/fr\/listing\/ferretti-850-flybridge-2018-3750000-usd-for-sale\/capture-decran-le-2025-10-23-a-16-17-28\/\" border=\"0\" itemprop=\"url\"> <meta itemprop=\"width\" content=\"229\"> <meta itemprop=\"height\" content=\"229\"> <img decoding=\"async\" class=\"\" data-attachment-id=\"292132\" data-orig-file=\"https:\/\/itayachtscanada.com\/wp-content\/uploads\/2025\/10\/Capture-decran-le-2025-10-23-a-16.17.28.jpg\" data-orig-size=\"1404,938\" data-comments-opened=\"1\" data-image-meta=\"{&quot;aperture&quot;:&quot;0&quot;,&quot;credit&quot;:&quot;&quot;,&quot;camera&quot;:&quot;&quot;,&quot;caption&quot;:&quot;&quot;,&quot;created_timestamp&quot;:&quot;0&quot;,&quot;copyright&quot;:&quot;&quot;,&quot;focal_length&quot;:&quot;0&quot;,&quot;iso&quot;:&quot;0&quot;,&quot;shutter_speed&quot;:&quot;0&quot;,&quot;title&quot;:&quot;&quot;,&quot;orientation&quot;:&quot;0&quot;}\" data-image-title=\"Capture d\u2019e\u0301cran, le 2025-10-23 a\u0300 16.17.28\" data-image-description=\"\" data-medium-file=\"https:\/\/i0.wp.com\/itayachtscanada.com\/wp-content\/uploads\/2025\/10\/Capture-decran-le-2025-10-23-a-16.17.28.jpg?fit=300%2C200&#038;ssl=1\" data-large-file=\"https:\/\/i0.wp.com\/itayachtscanada.com\/wp-content\/uploads\/2025\/10\/Capture-decran-le-2025-10-23-a-16.17.28.jpg?fit=700%2C468&#038;ssl=1\" src=\"https:\/\/i0.wp.com\/itayachtscanada.com\/wp-content\/uploads\/2025\/10\/Capture-decran-le-2025-10-23-a-16.17.28.jpg?w=229&#038;h=229&#038;crop=1&#038;ssl=1\" srcset=\"https:\/\/i0.wp.com\/itayachtscanada.com\/wp-content\/uploads\/2025\/10\/Capture-decran-le-2025-10-23-a-16.17.28.jpg?resize=150%2C150&amp;ssl=1 150w, https:\/\/i0.wp.com\/itayachtscanada.com\/wp-content\/uploads\/2025\/10\/Capture-decran-le-2025-10-23-a-16.17.28.jpg?resize=60%2C60&amp;ssl=1 60w, https:\/\/i0.wp.com\/itayachtscanada.com\/wp-content\/uploads\/2025\/10\/Capture-decran-le-2025-10-23-a-16.17.28.jpg?resize=80%2C80&amp;ssl=1 80w, https:\/\/i0.wp.com\/itayachtscanada.com\/wp-content\/uploads\/2025\/10\/Capture-decran-le-2025-10-23-a-16.17.28.jpg?resize=100%2C100&amp;ssl=1 100w, https:\/\/i0.wp.com\/itayachtscanada.com\/wp-content\/uploads\/2025\/10\/Capture-decran-le-2025-10-23-a-16.17.28.jpg?resize=50%2C50&amp;ssl=1 50w, https:\/\/i0.wp.com\/itayachtscanada.com\/wp-content\/uploads\/2025\/10\/Capture-decran-le-2025-10-23-a-16.17.28.jpg?zoom=2&amp;resize=229%2C229&amp;ssl=1 458w, https:\/\/i0.wp.com\/itayachtscanada.com\/wp-content\/uploads\/2025\/10\/Capture-decran-le-2025-10-23-a-16.17.28.jpg?zoom=3&amp;resize=229%2C229&amp;ssl=1 687w\" width=\"229\" height=\"229\" loading=\"lazy\" data-original-width=\"229\" data-original-height=\"229\" itemprop=\"http:\/\/schema.org\/image\" title=\"Capture d\u2019e\u0301cran, le 2025-10-23 a\u0300 16.17.28\" alt=\"Capture d\u2019e\u0301cran, le 2025-10-23 a\u0300 16.17.28\" style=\"width: 229px; height: 229px;\" \/> <\/a> <\/div> <\/div> <\/div> <div class=\"gallery-row\" style=\"width: 700px; height: 233px;\" data-original-width=\"700\" data-original-height=\"233\" > <div class=\"gallery-group\" style=\"width: 233px; height: 233px;\" data-original-width=\"233\" data-original-height=\"233\" > <div class=\"tiled-gallery-item \" itemprop=\"associatedMedia\" itemscope itemtype=\"http:\/\/schema.org\/ImageObject\"> <a href=\"https:\/\/itayachtscanada.com\/fr\/listing\/ferretti-850-flybridge-2018-3750000-usd-for-sale\/capture-decran-le-2025-10-23-a-16-17-25\/\" border=\"0\" itemprop=\"url\"> <meta itemprop=\"width\" content=\"229\"> <meta itemprop=\"height\" content=\"229\"> <img decoding=\"async\" class=\"\" data-attachment-id=\"292133\" data-orig-file=\"https:\/\/itayachtscanada.com\/wp-content\/uploads\/2025\/10\/Capture-decran-le-2025-10-23-a-16.17.25.jpg\" data-orig-size=\"1404,938\" data-comments-opened=\"1\" data-image-meta=\"{&quot;aperture&quot;:&quot;0&quot;,&quot;credit&quot;:&quot;&quot;,&quot;camera&quot;:&quot;&quot;,&quot;caption&quot;:&quot;&quot;,&quot;created_timestamp&quot;:&quot;0&quot;,&quot;copyright&quot;:&quot;&quot;,&quot;focal_length&quot;:&quot;0&quot;,&quot;iso&quot;:&quot;0&quot;,&quot;shutter_speed&quot;:&quot;0&quot;,&quot;title&quot;:&quot;&quot;,&quot;orientation&quot;:&quot;0&quot;}\" data-image-title=\"Capture d\u2019e\u0301cran, le 2025-10-23 a\u0300 16.17.25\" data-image-description=\"\" data-medium-file=\"https:\/\/i0.wp.com\/itayachtscanada.com\/wp-content\/uploads\/2025\/10\/Capture-decran-le-2025-10-23-a-16.17.25.jpg?fit=300%2C200&#038;ssl=1\" data-large-file=\"https:\/\/i0.wp.com\/itayachtscanada.com\/wp-content\/uploads\/2025\/10\/Capture-decran-le-2025-10-23-a-16.17.25.jpg?fit=700%2C468&#038;ssl=1\" src=\"https:\/\/i0.wp.com\/itayachtscanada.com\/wp-content\/uploads\/2025\/10\/Capture-decran-le-2025-10-23-a-16.17.25.jpg?w=229&#038;h=229&#038;crop=1&#038;ssl=1\" srcset=\"https:\/\/i0.wp.com\/itayachtscanada.com\/wp-content\/uploads\/2025\/10\/Capture-decran-le-2025-10-23-a-16.17.25.jpg?resize=150%2C150&amp;ssl=1 150w, https:\/\/i0.wp.com\/itayachtscanada.com\/wp-content\/uploads\/2025\/10\/Capture-decran-le-2025-10-23-a-16.17.25.jpg?resize=60%2C60&amp;ssl=1 60w, https:\/\/i0.wp.com\/itayachtscanada.com\/wp-content\/uploads\/2025\/10\/Capture-decran-le-2025-10-23-a-16.17.25.jpg?resize=80%2C80&amp;ssl=1 80w, https:\/\/i0.wp.com\/itayachtscanada.com\/wp-content\/uploads\/2025\/10\/Capture-decran-le-2025-10-23-a-16.17.25.jpg?resize=100%2C100&amp;ssl=1 100w, https:\/\/i0.wp.com\/itayachtscanada.com\/wp-content\/uploads\/2025\/10\/Capture-decran-le-2025-10-23-a-16.17.25.jpg?resize=50%2C50&amp;ssl=1 50w, https:\/\/i0.wp.com\/itayachtscanada.com\/wp-content\/uploads\/2025\/10\/Capture-decran-le-2025-10-23-a-16.17.25.jpg?zoom=2&amp;resize=229%2C229&amp;ssl=1 458w, https:\/\/i0.wp.com\/itayachtscanada.com\/wp-content\/uploads\/2025\/10\/Capture-decran-le-2025-10-23-a-16.17.25.jpg?zoom=3&amp;resize=229%2C229&amp;ssl=1 687w\" width=\"229\" height=\"229\" loading=\"lazy\" data-original-width=\"229\" data-original-height=\"229\" itemprop=\"http:\/\/schema.org\/image\" title=\"Capture d\u2019e\u0301cran, le 2025-10-23 a\u0300 16.17.25\" alt=\"Capture d\u2019e\u0301cran, le 2025-10-23 a\u0300 16.17.25\" style=\"width: 229px; height: 229px;\" \/> <\/a> <\/div> <\/div> <div class=\"gallery-group\" style=\"width: 233px; height: 233px;\" data-original-width=\"233\" data-original-height=\"233\" > <div class=\"tiled-gallery-item \" itemprop=\"associatedMedia\" itemscope itemtype=\"http:\/\/schema.org\/ImageObject\"> <a href=\"https:\/\/itayachtscanada.com\/fr\/listing\/ferretti-850-flybridge-2018-3750000-usd-for-sale\/capture-decran-le-2025-10-23-a-16-17-22\/\" border=\"0\" itemprop=\"url\"> <meta itemprop=\"width\" content=\"229\"> <meta itemprop=\"height\" content=\"229\"> <img decoding=\"async\" class=\"\" data-attachment-id=\"292134\" data-orig-file=\"https:\/\/itayachtscanada.com\/wp-content\/uploads\/2025\/10\/Capture-decran-le-2025-10-23-a-16.17.22.jpg\" data-orig-size=\"1404,938\" data-comments-opened=\"1\" data-image-meta=\"{&quot;aperture&quot;:&quot;0&quot;,&quot;credit&quot;:&quot;&quot;,&quot;camera&quot;:&quot;&quot;,&quot;caption&quot;:&quot;&quot;,&quot;created_timestamp&quot;:&quot;0&quot;,&quot;copyright&quot;:&quot;&quot;,&quot;focal_length&quot;:&quot;0&quot;,&quot;iso&quot;:&quot;0&quot;,&quot;shutter_speed&quot;:&quot;0&quot;,&quot;title&quot;:&quot;&quot;,&quot;orientation&quot;:&quot;0&quot;}\" data-image-title=\"Capture d\u2019e\u0301cran, le 2025-10-23 a\u0300 16.17.22\" data-image-description=\"\" data-medium-file=\"https:\/\/i0.wp.com\/itayachtscanada.com\/wp-content\/uploads\/2025\/10\/Capture-decran-le-2025-10-23-a-16.17.22.jpg?fit=300%2C200&#038;ssl=1\" data-large-file=\"https:\/\/i0.wp.com\/itayachtscanada.com\/wp-content\/uploads\/2025\/10\/Capture-decran-le-2025-10-23-a-16.17.22.jpg?fit=700%2C468&#038;ssl=1\" src=\"https:\/\/i0.wp.com\/itayachtscanada.com\/wp-content\/uploads\/2025\/10\/Capture-decran-le-2025-10-23-a-16.17.22.jpg?w=229&#038;h=229&#038;crop=1&#038;ssl=1\" srcset=\"https:\/\/i0.wp.com\/itayachtscanada.com\/wp-content\/uploads\/2025\/10\/Capture-decran-le-2025-10-23-a-16.17.22.jpg?resize=150%2C150&amp;ssl=1 150w, https:\/\/i0.wp.com\/itayachtscanada.com\/wp-content\/uploads\/2025\/10\/Capture-decran-le-2025-10-23-a-16.17.22.jpg?resize=60%2C60&amp;ssl=1 60w, https:\/\/i0.wp.com\/itayachtscanada.com\/wp-content\/uploads\/2025\/10\/Capture-decran-le-2025-10-23-a-16.17.22.jpg?resize=80%2C80&amp;ssl=1 80w, https:\/\/i0.wp.com\/itayachtscanada.com\/wp-content\/uploads\/2025\/10\/Capture-decran-le-2025-10-23-a-16.17.22.jpg?resize=100%2C100&amp;ssl=1 100w, https:\/\/i0.wp.com\/itayachtscanada.com\/wp-content\/uploads\/2025\/10\/Capture-decran-le-2025-10-23-a-16.17.22.jpg?resize=50%2C50&amp;ssl=1 50w, https:\/\/i0.wp.com\/itayachtscanada.com\/wp-content\/uploads\/2025\/10\/Capture-decran-le-2025-10-23-a-16.17.22.jpg?zoom=2&amp;resize=229%2C229&amp;ssl=1 458w, https:\/\/i0.wp.com\/itayachtscanada.com\/wp-content\/uploads\/2025\/10\/Capture-decran-le-2025-10-23-a-16.17.22.jpg?zoom=3&amp;resize=229%2C229&amp;ssl=1 687w\" width=\"229\" height=\"229\" loading=\"lazy\" data-original-width=\"229\" data-original-height=\"229\" itemprop=\"http:\/\/schema.org\/image\" title=\"Capture d\u2019e\u0301cran, le 2025-10-23 a\u0300 16.17.22\" alt=\"Capture d\u2019e\u0301cran, le 2025-10-23 a\u0300 16.17.22\" style=\"width: 229px; height: 229px;\" \/> <\/a> <\/div> <\/div> <div class=\"gallery-group\" style=\"width: 233px; height: 233px;\" data-original-width=\"233\" data-original-height=\"233\" > <div class=\"tiled-gallery-item \" itemprop=\"associatedMedia\" itemscope itemtype=\"http:\/\/schema.org\/ImageObject\"> <a href=\"https:\/\/itayachtscanada.com\/fr\/listing\/ferretti-850-flybridge-2018-3750000-usd-for-sale\/capture-decran-le-2025-10-23-a-16-17-19\/\" border=\"0\" itemprop=\"url\"> <meta itemprop=\"width\" content=\"229\"> <meta itemprop=\"height\" content=\"229\"> <img decoding=\"async\" class=\"\" data-attachment-id=\"292135\" data-orig-file=\"https:\/\/itayachtscanada.com\/wp-content\/uploads\/2025\/10\/Capture-decran-le-2025-10-23-a-16.17.19.jpg\" data-orig-size=\"1404,938\" data-comments-opened=\"1\" data-image-meta=\"{&quot;aperture&quot;:&quot;0&quot;,&quot;credit&quot;:&quot;&quot;,&quot;camera&quot;:&quot;&quot;,&quot;caption&quot;:&quot;&quot;,&quot;created_timestamp&quot;:&quot;0&quot;,&quot;copyright&quot;:&quot;&quot;,&quot;focal_length&quot;:&quot;0&quot;,&quot;iso&quot;:&quot;0&quot;,&quot;shutter_speed&quot;:&quot;0&quot;,&quot;title&quot;:&quot;&quot;,&quot;orientation&quot;:&quot;0&quot;}\" data-image-title=\"Capture d\u2019e\u0301cran, le 2025-10-23 a\u0300 16.17.19\" data-image-description=\"\" data-medium-file=\"https:\/\/i0.wp.com\/itayachtscanada.com\/wp-content\/uploads\/2025\/10\/Capture-decran-le-2025-10-23-a-16.17.19.jpg?fit=300%2C200&#038;ssl=1\" data-large-file=\"https:\/\/i0.wp.com\/itayachtscanada.com\/wp-content\/uploads\/2025\/10\/Capture-decran-le-2025-10-23-a-16.17.19.jpg?fit=700%2C468&#038;ssl=1\" src=\"https:\/\/i0.wp.com\/itayachtscanada.com\/wp-content\/uploads\/2025\/10\/Capture-decran-le-2025-10-23-a-16.17.19.jpg?w=229&#038;h=229&#038;crop=1&#038;ssl=1\" srcset=\"https:\/\/i0.wp.com\/itayachtscanada.com\/wp-content\/uploads\/2025\/10\/Capture-decran-le-2025-10-23-a-16.17.19.jpg?resize=150%2C150&amp;ssl=1 150w, https:\/\/i0.wp.com\/itayachtscanada.com\/wp-content\/uploads\/2025\/10\/Capture-decran-le-2025-10-23-a-16.17.19.jpg?resize=60%2C60&amp;ssl=1 60w, https:\/\/i0.wp.com\/itayachtscanada.com\/wp-content\/uploads\/2025\/10\/Capture-decran-le-2025-10-23-a-16.17.19.jpg?resize=80%2C80&amp;ssl=1 80w, https:\/\/i0.wp.com\/itayachtscanada.com\/wp-content\/uploads\/2025\/10\/Capture-decran-le-2025-10-23-a-16.17.19.jpg?resize=100%2C100&amp;ssl=1 100w, https:\/\/i0.wp.com\/itayachtscanada.com\/wp-content\/uploads\/2025\/10\/Capture-decran-le-2025-10-23-a-16.17.19.jpg?resize=50%2C50&amp;ssl=1 50w, https:\/\/i0.wp.com\/itayachtscanada.com\/wp-content\/uploads\/2025\/10\/Capture-decran-le-2025-10-23-a-16.17.19.jpg?zoom=2&amp;resize=229%2C229&amp;ssl=1 458w, https:\/\/i0.wp.com\/itayachtscanada.com\/wp-content\/uploads\/2025\/10\/Capture-decran-le-2025-10-23-a-16.17.19.jpg?zoom=3&amp;resize=229%2C229&amp;ssl=1 687w\" width=\"229\" height=\"229\" loading=\"lazy\" data-original-width=\"229\" data-original-height=\"229\" itemprop=\"http:\/\/schema.org\/image\" title=\"Capture d\u2019e\u0301cran, le 2025-10-23 a\u0300 16.17.19\" alt=\"Capture d\u2019e\u0301cran, le 2025-10-23 a\u0300 16.17.19\" style=\"width: 229px; height: 229px;\" \/> <\/a> <\/div> <\/div> <\/div> <div class=\"gallery-row\" style=\"width: 700px; height: 233px;\" data-original-width=\"700\" data-original-height=\"233\" > <div class=\"gallery-group\" style=\"width: 233px; height: 233px;\" data-original-width=\"233\" data-original-height=\"233\" > <div class=\"tiled-gallery-item \" itemprop=\"associatedMedia\" itemscope itemtype=\"http:\/\/schema.org\/ImageObject\"> <a href=\"https:\/\/itayachtscanada.com\/fr\/listing\/ferretti-850-flybridge-2018-3750000-usd-for-sale\/capture-decran-le-2025-10-23-a-16-17-15\/\" border=\"0\" itemprop=\"url\"> <meta itemprop=\"width\" content=\"229\"> <meta itemprop=\"height\" content=\"229\"> <img decoding=\"async\" class=\"\" data-attachment-id=\"292136\" data-orig-file=\"https:\/\/itayachtscanada.com\/wp-content\/uploads\/2025\/10\/Capture-decran-le-2025-10-23-a-16.17.15.jpg\" data-orig-size=\"1404,938\" data-comments-opened=\"1\" data-image-meta=\"{&quot;aperture&quot;:&quot;0&quot;,&quot;credit&quot;:&quot;&quot;,&quot;camera&quot;:&quot;&quot;,&quot;caption&quot;:&quot;&quot;,&quot;created_timestamp&quot;:&quot;0&quot;,&quot;copyright&quot;:&quot;&quot;,&quot;focal_length&quot;:&quot;0&quot;,&quot;iso&quot;:&quot;0&quot;,&quot;shutter_speed&quot;:&quot;0&quot;,&quot;title&quot;:&quot;&quot;,&quot;orientation&quot;:&quot;0&quot;}\" data-image-title=\"Capture d\u2019e\u0301cran, le 2025-10-23 a\u0300 16.17.15\" data-image-description=\"\" data-medium-file=\"https:\/\/i0.wp.com\/itayachtscanada.com\/wp-content\/uploads\/2025\/10\/Capture-decran-le-2025-10-23-a-16.17.15.jpg?fit=300%2C200&#038;ssl=1\" data-large-file=\"https:\/\/i0.wp.com\/itayachtscanada.com\/wp-content\/uploads\/2025\/10\/Capture-decran-le-2025-10-23-a-16.17.15.jpg?fit=700%2C468&#038;ssl=1\" src=\"https:\/\/i0.wp.com\/itayachtscanada.com\/wp-content\/uploads\/2025\/10\/Capture-decran-le-2025-10-23-a-16.17.15.jpg?w=229&#038;h=229&#038;crop=1&#038;ssl=1\" srcset=\"https:\/\/i0.wp.com\/itayachtscanada.com\/wp-content\/uploads\/2025\/10\/Capture-decran-le-2025-10-23-a-16.17.15.jpg?resize=150%2C150&amp;ssl=1 150w, https:\/\/i0.wp.com\/itayachtscanada.com\/wp-content\/uploads\/2025\/10\/Capture-decran-le-2025-10-23-a-16.17.15.jpg?resize=60%2C60&amp;ssl=1 60w, https:\/\/i0.wp.com\/itayachtscanada.com\/wp-content\/uploads\/2025\/10\/Capture-decran-le-2025-10-23-a-16.17.15.jpg?resize=80%2C80&amp;ssl=1 80w, https:\/\/i0.wp.com\/itayachtscanada.com\/wp-content\/uploads\/2025\/10\/Capture-decran-le-2025-10-23-a-16.17.15.jpg?resize=100%2C100&amp;ssl=1 100w, https:\/\/i0.wp.com\/itayachtscanada.com\/wp-content\/uploads\/2025\/10\/Capture-decran-le-2025-10-23-a-16.17.15.jpg?resize=50%2C50&amp;ssl=1 50w, https:\/\/i0.wp.com\/itayachtscanada.com\/wp-content\/uploads\/2025\/10\/Capture-decran-le-2025-10-23-a-16.17.15.jpg?zoom=2&amp;resize=229%2C229&amp;ssl=1 458w, https:\/\/i0.wp.com\/itayachtscanada.com\/wp-content\/uploads\/2025\/10\/Capture-decran-le-2025-10-23-a-16.17.15.jpg?zoom=3&amp;resize=229%2C229&amp;ssl=1 687w\" width=\"229\" height=\"229\" loading=\"lazy\" data-original-width=\"229\" data-original-height=\"229\" itemprop=\"http:\/\/schema.org\/image\" title=\"Capture d\u2019e\u0301cran, le 2025-10-23 a\u0300 16.17.15\" alt=\"Capture d\u2019e\u0301cran, le 2025-10-23 a\u0300 16.17.15\" style=\"width: 229px; height: 229px;\" \/> <\/a> <\/div> <\/div> <div class=\"gallery-group\" style=\"width: 233px; height: 233px;\" data-original-width=\"233\" data-original-height=\"233\" > <div class=\"tiled-gallery-item \" itemprop=\"associatedMedia\" itemscope itemtype=\"http:\/\/schema.org\/ImageObject\"> <a href=\"https:\/\/itayachtscanada.com\/fr\/listing\/ferretti-850-flybridge-2018-3750000-usd-for-sale\/capture-decran-le-2025-10-23-a-16-17-12\/\" border=\"0\" itemprop=\"url\"> <meta itemprop=\"width\" content=\"229\"> <meta itemprop=\"height\" content=\"229\"> <img decoding=\"async\" class=\"\" data-attachment-id=\"292137\" data-orig-file=\"https:\/\/itayachtscanada.com\/wp-content\/uploads\/2025\/10\/Capture-decran-le-2025-10-23-a-16.17.12.jpg\" data-orig-size=\"1404,938\" data-comments-opened=\"1\" data-image-meta=\"{&quot;aperture&quot;:&quot;0&quot;,&quot;credit&quot;:&quot;&quot;,&quot;camera&quot;:&quot;&quot;,&quot;caption&quot;:&quot;&quot;,&quot;created_timestamp&quot;:&quot;0&quot;,&quot;copyright&quot;:&quot;&quot;,&quot;focal_length&quot;:&quot;0&quot;,&quot;iso&quot;:&quot;0&quot;,&quot;shutter_speed&quot;:&quot;0&quot;,&quot;title&quot;:&quot;&quot;,&quot;orientation&quot;:&quot;0&quot;}\" data-image-title=\"Capture d\u2019e\u0301cran, le 2025-10-23 a\u0300 16.17.12\" data-image-description=\"\" data-medium-file=\"https:\/\/i0.wp.com\/itayachtscanada.com\/wp-content\/uploads\/2025\/10\/Capture-decran-le-2025-10-23-a-16.17.12.jpg?fit=300%2C200&#038;ssl=1\" data-large-file=\"https:\/\/i0.wp.com\/itayachtscanada.com\/wp-content\/uploads\/2025\/10\/Capture-decran-le-2025-10-23-a-16.17.12.jpg?fit=700%2C468&#038;ssl=1\" src=\"https:\/\/i0.wp.com\/itayachtscanada.com\/wp-content\/uploads\/2025\/10\/Capture-decran-le-2025-10-23-a-16.17.12.jpg?w=229&#038;h=229&#038;crop=1&#038;ssl=1\" srcset=\"https:\/\/i0.wp.com\/itayachtscanada.com\/wp-content\/uploads\/2025\/10\/Capture-decran-le-2025-10-23-a-16.17.12.jpg?resize=150%2C150&amp;ssl=1 150w, https:\/\/i0.wp.com\/itayachtscanada.com\/wp-content\/uploads\/2025\/10\/Capture-decran-le-2025-10-23-a-16.17.12.jpg?resize=60%2C60&amp;ssl=1 60w, https:\/\/i0.wp.com\/itayachtscanada.com\/wp-content\/uploads\/2025\/10\/Capture-decran-le-2025-10-23-a-16.17.12.jpg?resize=80%2C80&amp;ssl=1 80w, https:\/\/i0.wp.com\/itayachtscanada.com\/wp-content\/uploads\/2025\/10\/Capture-decran-le-2025-10-23-a-16.17.12.jpg?resize=100%2C100&amp;ssl=1 100w, https:\/\/i0.wp.com\/itayachtscanada.com\/wp-content\/uploads\/2025\/10\/Capture-decran-le-2025-10-23-a-16.17.12.jpg?resize=50%2C50&amp;ssl=1 50w, https:\/\/i0.wp.com\/itayachtscanada.com\/wp-content\/uploads\/2025\/10\/Capture-decran-le-2025-10-23-a-16.17.12.jpg?zoom=2&amp;resize=229%2C229&amp;ssl=1 458w, https:\/\/i0.wp.com\/itayachtscanada.com\/wp-content\/uploads\/2025\/10\/Capture-decran-le-2025-10-23-a-16.17.12.jpg?zoom=3&amp;resize=229%2C229&amp;ssl=1 687w\" width=\"229\" height=\"229\" loading=\"lazy\" data-original-width=\"229\" data-original-height=\"229\" itemprop=\"http:\/\/schema.org\/image\" title=\"Capture d\u2019e\u0301cran, le 2025-10-23 a\u0300 16.17.12\" alt=\"Capture d\u2019e\u0301cran, le 2025-10-23 a\u0300 16.17.12\" style=\"width: 229px; height: 229px;\" \/> <\/a> <\/div> <\/div> <div class=\"gallery-group\" style=\"width: 233px; height: 233px;\" data-original-width=\"233\" data-original-height=\"233\" > <div class=\"tiled-gallery-item \" itemprop=\"associatedMedia\" itemscope itemtype=\"http:\/\/schema.org\/ImageObject\"> <a href=\"https:\/\/itayachtscanada.com\/fr\/listing\/ferretti-850-flybridge-2018-3750000-usd-for-sale\/capture-decran-le-2025-10-23-a-16-17-09\/\" border=\"0\" itemprop=\"url\"> <meta itemprop=\"width\" content=\"229\"> <meta itemprop=\"height\" content=\"229\"> <img decoding=\"async\" class=\"\" data-attachment-id=\"292138\" data-orig-file=\"https:\/\/itayachtscanada.com\/wp-content\/uploads\/2025\/10\/Capture-decran-le-2025-10-23-a-16.17.09.jpg\" data-orig-size=\"1404,938\" data-comments-opened=\"1\" data-image-meta=\"{&quot;aperture&quot;:&quot;0&quot;,&quot;credit&quot;:&quot;&quot;,&quot;camera&quot;:&quot;&quot;,&quot;caption&quot;:&quot;&quot;,&quot;created_timestamp&quot;:&quot;0&quot;,&quot;copyright&quot;:&quot;&quot;,&quot;focal_length&quot;:&quot;0&quot;,&quot;iso&quot;:&quot;0&quot;,&quot;shutter_speed&quot;:&quot;0&quot;,&quot;title&quot;:&quot;&quot;,&quot;orientation&quot;:&quot;0&quot;}\" data-image-title=\"Capture d\u2019e\u0301cran, le 2025-10-23 a\u0300 16.17.09\" data-image-description=\"\" data-medium-file=\"https:\/\/i0.wp.com\/itayachtscanada.com\/wp-content\/uploads\/2025\/10\/Capture-decran-le-2025-10-23-a-16.17.09.jpg?fit=300%2C200&#038;ssl=1\" data-large-file=\"https:\/\/i0.wp.com\/itayachtscanada.com\/wp-content\/uploads\/2025\/10\/Capture-decran-le-2025-10-23-a-16.17.09.jpg?fit=700%2C468&#038;ssl=1\" src=\"https:\/\/i0.wp.com\/itayachtscanada.com\/wp-content\/uploads\/2025\/10\/Capture-decran-le-2025-10-23-a-16.17.09.jpg?w=229&#038;h=229&#038;crop=1&#038;ssl=1\" srcset=\"https:\/\/i0.wp.com\/itayachtscanada.com\/wp-content\/uploads\/2025\/10\/Capture-decran-le-2025-10-23-a-16.17.09.jpg?resize=150%2C150&amp;ssl=1 150w, https:\/\/i0.wp.com\/itayachtscanada.com\/wp-content\/uploads\/2025\/10\/Capture-decran-le-2025-10-23-a-16.17.09.jpg?resize=60%2C60&amp;ssl=1 60w, https:\/\/i0.wp.com\/itayachtscanada.com\/wp-content\/uploads\/2025\/10\/Capture-decran-le-2025-10-23-a-16.17.09.jpg?resize=80%2C80&amp;ssl=1 80w, https:\/\/i0.wp.com\/itayachtscanada.com\/wp-content\/uploads\/2025\/10\/Capture-decran-le-2025-10-23-a-16.17.09.jpg?resize=100%2C100&amp;ssl=1 100w, https:\/\/i0.wp.com\/itayachtscanada.com\/wp-content\/uploads\/2025\/10\/Capture-decran-le-2025-10-23-a-16.17.09.jpg?resize=50%2C50&amp;ssl=1 50w, https:\/\/i0.wp.com\/itayachtscanada.com\/wp-content\/uploads\/2025\/10\/Capture-decran-le-2025-10-23-a-16.17.09.jpg?zoom=2&amp;resize=229%2C229&amp;ssl=1 458w, https:\/\/i0.wp.com\/itayachtscanada.com\/wp-content\/uploads\/2025\/10\/Capture-decran-le-2025-10-23-a-16.17.09.jpg?zoom=3&amp;resize=229%2C229&amp;ssl=1 687w\" width=\"229\" height=\"229\" loading=\"lazy\" data-original-width=\"229\" data-original-height=\"229\" itemprop=\"http:\/\/schema.org\/image\" title=\"Capture d\u2019e\u0301cran, le 2025-10-23 a\u0300 16.17.09\" alt=\"Capture d\u2019e\u0301cran, le 2025-10-23 a\u0300 16.17.09\" style=\"width: 229px; height: 229px;\" \/> <\/a> <\/div> <\/div> <\/div> <div class=\"gallery-row\" style=\"width: 700px; height: 233px;\" data-original-width=\"700\" data-original-height=\"233\" > <div class=\"gallery-group\" style=\"width: 233px; height: 233px;\" data-original-width=\"233\" data-original-height=\"233\" > <div class=\"tiled-gallery-item \" itemprop=\"associatedMedia\" itemscope itemtype=\"http:\/\/schema.org\/ImageObject\"> <a href=\"https:\/\/itayachtscanada.com\/fr\/listing\/ferretti-850-flybridge-2018-3750000-usd-for-sale\/capture-decran-le-2025-10-23-a-16-17-06\/\" border=\"0\" itemprop=\"url\"> <meta itemprop=\"width\" content=\"229\"> <meta itemprop=\"height\" content=\"229\"> <img decoding=\"async\" class=\"\" data-attachment-id=\"292139\" data-orig-file=\"https:\/\/itayachtscanada.com\/wp-content\/uploads\/2025\/10\/Capture-decran-le-2025-10-23-a-16.17.06.jpg\" data-orig-size=\"1404,938\" data-comments-opened=\"1\" data-image-meta=\"{&quot;aperture&quot;:&quot;0&quot;,&quot;credit&quot;:&quot;&quot;,&quot;camera&quot;:&quot;&quot;,&quot;caption&quot;:&quot;&quot;,&quot;created_timestamp&quot;:&quot;0&quot;,&quot;copyright&quot;:&quot;&quot;,&quot;focal_length&quot;:&quot;0&quot;,&quot;iso&quot;:&quot;0&quot;,&quot;shutter_speed&quot;:&quot;0&quot;,&quot;title&quot;:&quot;&quot;,&quot;orientation&quot;:&quot;0&quot;}\" data-image-title=\"Capture d\u2019e\u0301cran, le 2025-10-23 a\u0300 16.17.06\" data-image-description=\"\" data-medium-file=\"https:\/\/i0.wp.com\/itayachtscanada.com\/wp-content\/uploads\/2025\/10\/Capture-decran-le-2025-10-23-a-16.17.06.jpg?fit=300%2C200&#038;ssl=1\" data-large-file=\"https:\/\/i0.wp.com\/itayachtscanada.com\/wp-content\/uploads\/2025\/10\/Capture-decran-le-2025-10-23-a-16.17.06.jpg?fit=700%2C468&#038;ssl=1\" src=\"https:\/\/i0.wp.com\/itayachtscanada.com\/wp-content\/uploads\/2025\/10\/Capture-decran-le-2025-10-23-a-16.17.06.jpg?w=229&#038;h=229&#038;crop=1&#038;ssl=1\" srcset=\"https:\/\/i0.wp.com\/itayachtscanada.com\/wp-content\/uploads\/2025\/10\/Capture-decran-le-2025-10-23-a-16.17.06.jpg?resize=150%2C150&amp;ssl=1 150w, https:\/\/i0.wp.com\/itayachtscanada.com\/wp-content\/uploads\/2025\/10\/Capture-decran-le-2025-10-23-a-16.17.06.jpg?resize=60%2C60&amp;ssl=1 60w, https:\/\/i0.wp.com\/itayachtscanada.com\/wp-content\/uploads\/2025\/10\/Capture-decran-le-2025-10-23-a-16.17.06.jpg?resize=80%2C80&amp;ssl=1 80w, https:\/\/i0.wp.com\/itayachtscanada.com\/wp-content\/uploads\/2025\/10\/Capture-decran-le-2025-10-23-a-16.17.06.jpg?resize=100%2C100&amp;ssl=1 100w, https:\/\/i0.wp.com\/itayachtscanada.com\/wp-content\/uploads\/2025\/10\/Capture-decran-le-2025-10-23-a-16.17.06.jpg?resize=50%2C50&amp;ssl=1 50w, https:\/\/i0.wp.com\/itayachtscanada.com\/wp-content\/uploads\/2025\/10\/Capture-decran-le-2025-10-23-a-16.17.06.jpg?zoom=2&amp;resize=229%2C229&amp;ssl=1 458w, https:\/\/i0.wp.com\/itayachtscanada.com\/wp-content\/uploads\/2025\/10\/Capture-decran-le-2025-10-23-a-16.17.06.jpg?zoom=3&amp;resize=229%2C229&amp;ssl=1 687w\" width=\"229\" height=\"229\" loading=\"lazy\" data-original-width=\"229\" data-original-height=\"229\" itemprop=\"http:\/\/schema.org\/image\" title=\"Capture d\u2019e\u0301cran, le 2025-10-23 a\u0300 16.17.06\" alt=\"Capture d\u2019e\u0301cran, le 2025-10-23 a\u0300 16.17.06\" style=\"width: 229px; height: 229px;\" \/> <\/a> <\/div> <\/div> <div class=\"gallery-group\" style=\"width: 233px; height: 233px;\" data-original-width=\"233\" data-original-height=\"233\" > <div class=\"tiled-gallery-item \" itemprop=\"associatedMedia\" itemscope itemtype=\"http:\/\/schema.org\/ImageObject\"> <a href=\"https:\/\/itayachtscanada.com\/fr\/listing\/ferretti-850-flybridge-2018-3750000-usd-for-sale\/capture-decran-le-2025-10-23-a-16-17-03\/\" border=\"0\" itemprop=\"url\"> <meta itemprop=\"width\" content=\"229\"> <meta itemprop=\"height\" content=\"229\"> <img decoding=\"async\" class=\"\" data-attachment-id=\"292140\" data-orig-file=\"https:\/\/itayachtscanada.com\/wp-content\/uploads\/2025\/10\/Capture-decran-le-2025-10-23-a-16.17.03.jpg\" data-orig-size=\"1404,938\" data-comments-opened=\"1\" data-image-meta=\"{&quot;aperture&quot;:&quot;0&quot;,&quot;credit&quot;:&quot;&quot;,&quot;camera&quot;:&quot;&quot;,&quot;caption&quot;:&quot;&quot;,&quot;created_timestamp&quot;:&quot;0&quot;,&quot;copyright&quot;:&quot;&quot;,&quot;focal_length&quot;:&quot;0&quot;,&quot;iso&quot;:&quot;0&quot;,&quot;shutter_speed&quot;:&quot;0&quot;,&quot;title&quot;:&quot;&quot;,&quot;orientation&quot;:&quot;0&quot;}\" data-image-title=\"Capture d\u2019e\u0301cran, le 2025-10-23 a\u0300 16.17.03\" data-image-description=\"\" data-medium-file=\"https:\/\/i0.wp.com\/itayachtscanada.com\/wp-content\/uploads\/2025\/10\/Capture-decran-le-2025-10-23-a-16.17.03.jpg?fit=300%2C200&#038;ssl=1\" data-large-file=\"https:\/\/i0.wp.com\/itayachtscanada.com\/wp-content\/uploads\/2025\/10\/Capture-decran-le-2025-10-23-a-16.17.03.jpg?fit=700%2C468&#038;ssl=1\" src=\"https:\/\/i0.wp.com\/itayachtscanada.com\/wp-content\/uploads\/2025\/10\/Capture-decran-le-2025-10-23-a-16.17.03.jpg?w=229&#038;h=229&#038;crop=1&#038;ssl=1\" srcset=\"https:\/\/i0.wp.com\/itayachtscanada.com\/wp-content\/uploads\/2025\/10\/Capture-decran-le-2025-10-23-a-16.17.03.jpg?resize=150%2C150&amp;ssl=1 150w, https:\/\/i0.wp.com\/itayachtscanada.com\/wp-content\/uploads\/2025\/10\/Capture-decran-le-2025-10-23-a-16.17.03.jpg?resize=60%2C60&amp;ssl=1 60w, https:\/\/i0.wp.com\/itayachtscanada.com\/wp-content\/uploads\/2025\/10\/Capture-decran-le-2025-10-23-a-16.17.03.jpg?resize=80%2C80&amp;ssl=1 80w, https:\/\/i0.wp.com\/itayachtscanada.com\/wp-content\/uploads\/2025\/10\/Capture-decran-le-2025-10-23-a-16.17.03.jpg?resize=100%2C100&amp;ssl=1 100w, https:\/\/i0.wp.com\/itayachtscanada.com\/wp-content\/uploads\/2025\/10\/Capture-decran-le-2025-10-23-a-16.17.03.jpg?resize=50%2C50&amp;ssl=1 50w, https:\/\/i0.wp.com\/itayachtscanada.com\/wp-content\/uploads\/2025\/10\/Capture-decran-le-2025-10-23-a-16.17.03.jpg?zoom=2&amp;resize=229%2C229&amp;ssl=1 458w, https:\/\/i0.wp.com\/itayachtscanada.com\/wp-content\/uploads\/2025\/10\/Capture-decran-le-2025-10-23-a-16.17.03.jpg?zoom=3&amp;resize=229%2C229&amp;ssl=1 687w\" width=\"229\" height=\"229\" loading=\"lazy\" data-original-width=\"229\" data-original-height=\"229\" itemprop=\"http:\/\/schema.org\/image\" title=\"Capture d\u2019e\u0301cran, le 2025-10-23 a\u0300 16.17.03\" alt=\"Capture d\u2019e\u0301cran, le 2025-10-23 a\u0300 16.17.03\" style=\"width: 229px; height: 229px;\" \/> <\/a> <\/div> <\/div> <div class=\"gallery-group\" style=\"width: 233px; height: 233px;\" data-original-width=\"233\" data-original-height=\"233\" > <div class=\"tiled-gallery-item \" itemprop=\"associatedMedia\" itemscope itemtype=\"http:\/\/schema.org\/ImageObject\"> <a href=\"https:\/\/itayachtscanada.com\/fr\/listing\/ferretti-850-flybridge-2018-3750000-usd-for-sale\/capture-decran-le-2025-10-23-a-16-17-00\/\" border=\"0\" itemprop=\"url\"> <meta itemprop=\"width\" content=\"229\"> <meta itemprop=\"height\" content=\"229\"> <img decoding=\"async\" class=\"\" data-attachment-id=\"292141\" data-orig-file=\"https:\/\/itayachtscanada.com\/wp-content\/uploads\/2025\/10\/Capture-decran-le-2025-10-23-a-16.17.00.jpg\" data-orig-size=\"1404,938\" data-comments-opened=\"1\" data-image-meta=\"{&quot;aperture&quot;:&quot;0&quot;,&quot;credit&quot;:&quot;&quot;,&quot;camera&quot;:&quot;&quot;,&quot;caption&quot;:&quot;&quot;,&quot;created_timestamp&quot;:&quot;0&quot;,&quot;copyright&quot;:&quot;&quot;,&quot;focal_length&quot;:&quot;0&quot;,&quot;iso&quot;:&quot;0&quot;,&quot;shutter_speed&quot;:&quot;0&quot;,&quot;title&quot;:&quot;&quot;,&quot;orientation&quot;:&quot;0&quot;}\" data-image-title=\"Capture d\u2019e\u0301cran, le 2025-10-23 a\u0300 16.17.00\" data-image-description=\"\" data-medium-file=\"https:\/\/i0.wp.com\/itayachtscanada.com\/wp-content\/uploads\/2025\/10\/Capture-decran-le-2025-10-23-a-16.17.00.jpg?fit=300%2C200&#038;ssl=1\" data-large-file=\"https:\/\/i0.wp.com\/itayachtscanada.com\/wp-content\/uploads\/2025\/10\/Capture-decran-le-2025-10-23-a-16.17.00.jpg?fit=700%2C468&#038;ssl=1\" src=\"https:\/\/i0.wp.com\/itayachtscanada.com\/wp-content\/uploads\/2025\/10\/Capture-decran-le-2025-10-23-a-16.17.00.jpg?w=229&#038;h=229&#038;crop=1&#038;ssl=1\" srcset=\"https:\/\/i0.wp.com\/itayachtscanada.com\/wp-content\/uploads\/2025\/10\/Capture-decran-le-2025-10-23-a-16.17.00.jpg?resize=150%2C150&amp;ssl=1 150w, https:\/\/i0.wp.com\/itayachtscanada.com\/wp-content\/uploads\/2025\/10\/Capture-decran-le-2025-10-23-a-16.17.00.jpg?resize=60%2C60&amp;ssl=1 60w, https:\/\/i0.wp.com\/itayachtscanada.com\/wp-content\/uploads\/2025\/10\/Capture-decran-le-2025-10-23-a-16.17.00.jpg?resize=80%2C80&amp;ssl=1 80w, https:\/\/i0.wp.com\/itayachtscanada.com\/wp-content\/uploads\/2025\/10\/Capture-decran-le-2025-10-23-a-16.17.00.jpg?resize=100%2C100&amp;ssl=1 100w, https:\/\/i0.wp.com\/itayachtscanada.com\/wp-content\/uploads\/2025\/10\/Capture-decran-le-2025-10-23-a-16.17.00.jpg?resize=50%2C50&amp;ssl=1 50w, https:\/\/i0.wp.com\/itayachtscanada.com\/wp-content\/uploads\/2025\/10\/Capture-decran-le-2025-10-23-a-16.17.00.jpg?zoom=2&amp;resize=229%2C229&amp;ssl=1 458w, https:\/\/i0.wp.com\/itayachtscanada.com\/wp-content\/uploads\/2025\/10\/Capture-decran-le-2025-10-23-a-16.17.00.jpg?zoom=3&amp;resize=229%2C229&amp;ssl=1 687w\" width=\"229\" height=\"229\" loading=\"lazy\" data-original-width=\"229\" data-original-height=\"229\" itemprop=\"http:\/\/schema.org\/image\" title=\"Capture d\u2019e\u0301cran, le 2025-10-23 a\u0300 16.17.00\" alt=\"Capture d\u2019e\u0301cran, le 2025-10-23 a\u0300 16.17.00\" style=\"width: 229px; height: 229px;\" \/> <\/a> <\/div> <\/div> <\/div> <div class=\"gallery-row\" style=\"width: 700px; height: 233px;\" data-original-width=\"700\" data-original-height=\"233\" > <div class=\"gallery-group\" style=\"width: 233px; height: 233px;\" data-original-width=\"233\" data-original-height=\"233\" > <div class=\"tiled-gallery-item \" itemprop=\"associatedMedia\" itemscope itemtype=\"http:\/\/schema.org\/ImageObject\"> <a href=\"https:\/\/itayachtscanada.com\/fr\/listing\/ferretti-850-flybridge-2018-3750000-usd-for-sale\/capture-decran-le-2025-10-23-a-16-16-57\/\" border=\"0\" itemprop=\"url\"> <meta itemprop=\"width\" content=\"229\"> <meta itemprop=\"height\" content=\"229\"> <img decoding=\"async\" class=\"\" data-attachment-id=\"292142\" data-orig-file=\"https:\/\/itayachtscanada.com\/wp-content\/uploads\/2025\/10\/Capture-decran-le-2025-10-23-a-16.16.57.jpg\" data-orig-size=\"1404,938\" data-comments-opened=\"1\" data-image-meta=\"{&quot;aperture&quot;:&quot;0&quot;,&quot;credit&quot;:&quot;&quot;,&quot;camera&quot;:&quot;&quot;,&quot;caption&quot;:&quot;&quot;,&quot;created_timestamp&quot;:&quot;0&quot;,&quot;copyright&quot;:&quot;&quot;,&quot;focal_length&quot;:&quot;0&quot;,&quot;iso&quot;:&quot;0&quot;,&quot;shutter_speed&quot;:&quot;0&quot;,&quot;title&quot;:&quot;&quot;,&quot;orientation&quot;:&quot;0&quot;}\" data-image-title=\"Capture d\u2019e\u0301cran, le 2025-10-23 a\u0300 16.16.57\" data-image-description=\"\" data-medium-file=\"https:\/\/i0.wp.com\/itayachtscanada.com\/wp-content\/uploads\/2025\/10\/Capture-decran-le-2025-10-23-a-16.16.57.jpg?fit=300%2C200&#038;ssl=1\" data-large-file=\"https:\/\/i0.wp.com\/itayachtscanada.com\/wp-content\/uploads\/2025\/10\/Capture-decran-le-2025-10-23-a-16.16.57.jpg?fit=700%2C468&#038;ssl=1\" src=\"https:\/\/i0.wp.com\/itayachtscanada.com\/wp-content\/uploads\/2025\/10\/Capture-decran-le-2025-10-23-a-16.16.57.jpg?w=229&#038;h=229&#038;crop=1&#038;ssl=1\" srcset=\"https:\/\/i0.wp.com\/itayachtscanada.com\/wp-content\/uploads\/2025\/10\/Capture-decran-le-2025-10-23-a-16.16.57.jpg?resize=150%2C150&amp;ssl=1 150w, https:\/\/i0.wp.com\/itayachtscanada.com\/wp-content\/uploads\/2025\/10\/Capture-decran-le-2025-10-23-a-16.16.57.jpg?resize=60%2C60&amp;ssl=1 60w, https:\/\/i0.wp.com\/itayachtscanada.com\/wp-content\/uploads\/2025\/10\/Capture-decran-le-2025-10-23-a-16.16.57.jpg?resize=80%2C80&amp;ssl=1 80w, https:\/\/i0.wp.com\/itayachtscanada.com\/wp-content\/uploads\/2025\/10\/Capture-decran-le-2025-10-23-a-16.16.57.jpg?resize=100%2C100&amp;ssl=1 100w, https:\/\/i0.wp.com\/itayachtscanada.com\/wp-content\/uploads\/2025\/10\/Capture-decran-le-2025-10-23-a-16.16.57.jpg?resize=50%2C50&amp;ssl=1 50w, https:\/\/i0.wp.com\/itayachtscanada.com\/wp-content\/uploads\/2025\/10\/Capture-decran-le-2025-10-23-a-16.16.57.jpg?zoom=2&amp;resize=229%2C229&amp;ssl=1 458w, https:\/\/i0.wp.com\/itayachtscanada.com\/wp-content\/uploads\/2025\/10\/Capture-decran-le-2025-10-23-a-16.16.57.jpg?zoom=3&amp;resize=229%2C229&amp;ssl=1 687w\" width=\"229\" height=\"229\" loading=\"lazy\" data-original-width=\"229\" data-original-height=\"229\" itemprop=\"http:\/\/schema.org\/image\" title=\"Capture d\u2019e\u0301cran, le 2025-10-23 a\u0300 16.16.57\" alt=\"Capture d\u2019e\u0301cran, le 2025-10-23 a\u0300 16.16.57\" style=\"width: 229px; height: 229px;\" \/> <\/a> <\/div> <\/div> <div class=\"gallery-group\" style=\"width: 233px; height: 233px;\" data-original-width=\"233\" data-original-height=\"233\" > <div class=\"tiled-gallery-item \" itemprop=\"associatedMedia\" itemscope itemtype=\"http:\/\/schema.org\/ImageObject\"> <a href=\"https:\/\/itayachtscanada.com\/fr\/listing\/ferretti-850-flybridge-2018-3750000-usd-for-sale\/capture-decran-le-2025-10-23-a-16-16-53\/\" border=\"0\" itemprop=\"url\"> <meta itemprop=\"width\" content=\"229\"> <meta itemprop=\"height\" content=\"229\"> <img decoding=\"async\" class=\"\" data-attachment-id=\"292143\" data-orig-file=\"https:\/\/itayachtscanada.com\/wp-content\/uploads\/2025\/10\/Capture-decran-le-2025-10-23-a-16.16.53.jpg\" data-orig-size=\"1404,938\" data-comments-opened=\"1\" data-image-meta=\"{&quot;aperture&quot;:&quot;0&quot;,&quot;credit&quot;:&quot;&quot;,&quot;camera&quot;:&quot;&quot;,&quot;caption&quot;:&quot;&quot;,&quot;created_timestamp&quot;:&quot;0&quot;,&quot;copyright&quot;:&quot;&quot;,&quot;focal_length&quot;:&quot;0&quot;,&quot;iso&quot;:&quot;0&quot;,&quot;shutter_speed&quot;:&quot;0&quot;,&quot;title&quot;:&quot;&quot;,&quot;orientation&quot;:&quot;0&quot;}\" data-image-title=\"Capture d\u2019e\u0301cran, le 2025-10-23 a\u0300 16.16.53\" data-image-description=\"\" data-medium-file=\"https:\/\/i0.wp.com\/itayachtscanada.com\/wp-content\/uploads\/2025\/10\/Capture-decran-le-2025-10-23-a-16.16.53.jpg?fit=300%2C200&#038;ssl=1\" data-large-file=\"https:\/\/i0.wp.com\/itayachtscanada.com\/wp-content\/uploads\/2025\/10\/Capture-decran-le-2025-10-23-a-16.16.53.jpg?fit=700%2C468&#038;ssl=1\" src=\"https:\/\/i0.wp.com\/itayachtscanada.com\/wp-content\/uploads\/2025\/10\/Capture-decran-le-2025-10-23-a-16.16.53.jpg?w=229&#038;h=229&#038;crop=1&#038;ssl=1\" srcset=\"https:\/\/i0.wp.com\/itayachtscanada.com\/wp-content\/uploads\/2025\/10\/Capture-decran-le-2025-10-23-a-16.16.53.jpg?resize=150%2C150&amp;ssl=1 150w, https:\/\/i0.wp.com\/itayachtscanada.com\/wp-content\/uploads\/2025\/10\/Capture-decran-le-2025-10-23-a-16.16.53.jpg?resize=60%2C60&amp;ssl=1 60w, https:\/\/i0.wp.com\/itayachtscanada.com\/wp-content\/uploads\/2025\/10\/Capture-decran-le-2025-10-23-a-16.16.53.jpg?resize=80%2C80&amp;ssl=1 80w, https:\/\/i0.wp.com\/itayachtscanada.com\/wp-content\/uploads\/2025\/10\/Capture-decran-le-2025-10-23-a-16.16.53.jpg?resize=100%2C100&amp;ssl=1 100w, https:\/\/i0.wp.com\/itayachtscanada.com\/wp-content\/uploads\/2025\/10\/Capture-decran-le-2025-10-23-a-16.16.53.jpg?resize=50%2C50&amp;ssl=1 50w, https:\/\/i0.wp.com\/itayachtscanada.com\/wp-content\/uploads\/2025\/10\/Capture-decran-le-2025-10-23-a-16.16.53.jpg?zoom=2&amp;resize=229%2C229&amp;ssl=1 458w, https:\/\/i0.wp.com\/itayachtscanada.com\/wp-content\/uploads\/2025\/10\/Capture-decran-le-2025-10-23-a-16.16.53.jpg?zoom=3&amp;resize=229%2C229&amp;ssl=1 687w\" width=\"229\" height=\"229\" loading=\"lazy\" data-original-width=\"229\" data-original-height=\"229\" itemprop=\"http:\/\/schema.org\/image\" title=\"Capture d\u2019e\u0301cran, le 2025-10-23 a\u0300 16.16.53\" alt=\"Capture d\u2019e\u0301cran, le 2025-10-23 a\u0300 16.16.53\" style=\"width: 229px; height: 229px;\" \/> <\/a> <\/div> <\/div> <div class=\"gallery-group\" style=\"width: 233px; height: 233px;\" data-original-width=\"233\" data-original-height=\"233\" > <div class=\"tiled-gallery-item \" itemprop=\"associatedMedia\" itemscope itemtype=\"http:\/\/schema.org\/ImageObject\"> <a href=\"https:\/\/itayachtscanada.com\/fr\/listing\/ferretti-850-flybridge-2018-3750000-usd-for-sale\/capture-decran-le-2025-10-23-a-16-16-50\/\" border=\"0\" itemprop=\"url\"> <meta itemprop=\"width\" content=\"229\"> <meta itemprop=\"height\" content=\"229\"> <img decoding=\"async\" class=\"\" data-attachment-id=\"292144\" data-orig-file=\"https:\/\/itayachtscanada.com\/wp-content\/uploads\/2025\/10\/Capture-decran-le-2025-10-23-a-16.16.50.jpg\" data-orig-size=\"1404,938\" data-comments-opened=\"1\" data-image-meta=\"{&quot;aperture&quot;:&quot;0&quot;,&quot;credit&quot;:&quot;&quot;,&quot;camera&quot;:&quot;&quot;,&quot;caption&quot;:&quot;&quot;,&quot;created_timestamp&quot;:&quot;0&quot;,&quot;copyright&quot;:&quot;&quot;,&quot;focal_length&quot;:&quot;0&quot;,&quot;iso&quot;:&quot;0&quot;,&quot;shutter_speed&quot;:&quot;0&quot;,&quot;title&quot;:&quot;&quot;,&quot;orientation&quot;:&quot;0&quot;}\" data-image-title=\"Capture d\u2019e\u0301cran, le 2025-10-23 a\u0300 16.16.50\" data-image-description=\"\" data-medium-file=\"https:\/\/i0.wp.com\/itayachtscanada.com\/wp-content\/uploads\/2025\/10\/Capture-decran-le-2025-10-23-a-16.16.50.jpg?fit=300%2C200&#038;ssl=1\" data-large-file=\"https:\/\/i0.wp.com\/itayachtscanada.com\/wp-content\/uploads\/2025\/10\/Capture-decran-le-2025-10-23-a-16.16.50.jpg?fit=700%2C468&#038;ssl=1\" src=\"https:\/\/i0.wp.com\/itayachtscanada.com\/wp-content\/uploads\/2025\/10\/Capture-decran-le-2025-10-23-a-16.16.50.jpg?w=229&#038;h=229&#038;crop=1&#038;ssl=1\" srcset=\"https:\/\/i0.wp.com\/itayachtscanada.com\/wp-content\/uploads\/2025\/10\/Capture-decran-le-2025-10-23-a-16.16.50.jpg?resize=150%2C150&amp;ssl=1 150w, https:\/\/i0.wp.com\/itayachtscanada.com\/wp-content\/uploads\/2025\/10\/Capture-decran-le-2025-10-23-a-16.16.50.jpg?resize=60%2C60&amp;ssl=1 60w, https:\/\/i0.wp.com\/itayachtscanada.com\/wp-content\/uploads\/2025\/10\/Capture-decran-le-2025-10-23-a-16.16.50.jpg?resize=80%2C80&amp;ssl=1 80w, https:\/\/i0.wp.com\/itayachtscanada.com\/wp-content\/uploads\/2025\/10\/Capture-decran-le-2025-10-23-a-16.16.50.jpg?resize=100%2C100&amp;ssl=1 100w, https:\/\/i0.wp.com\/itayachtscanada.com\/wp-content\/uploads\/2025\/10\/Capture-decran-le-2025-10-23-a-16.16.50.jpg?resize=50%2C50&amp;ssl=1 50w, https:\/\/i0.wp.com\/itayachtscanada.com\/wp-content\/uploads\/2025\/10\/Capture-decran-le-2025-10-23-a-16.16.50.jpg?zoom=2&amp;resize=229%2C229&amp;ssl=1 458w, https:\/\/i0.wp.com\/itayachtscanada.com\/wp-content\/uploads\/2025\/10\/Capture-decran-le-2025-10-23-a-16.16.50.jpg?zoom=3&amp;resize=229%2C229&amp;ssl=1 687w\" width=\"229\" height=\"229\" loading=\"lazy\" data-original-width=\"229\" data-original-height=\"229\" itemprop=\"http:\/\/schema.org\/image\" title=\"Capture d\u2019e\u0301cran, le 2025-10-23 a\u0300 16.16.50\" alt=\"Capture d\u2019e\u0301cran, le 2025-10-23 a\u0300 16.16.50\" style=\"width: 229px; height: 229px;\" \/> <\/a> <\/div> <\/div> <\/div> <div class=\"gallery-row\" style=\"width: 700px; height: 233px;\" data-original-width=\"700\" data-original-height=\"233\" > <div class=\"gallery-group\" style=\"width: 233px; height: 233px;\" data-original-width=\"233\" data-original-height=\"233\" > <div class=\"tiled-gallery-item \" itemprop=\"associatedMedia\" itemscope itemtype=\"http:\/\/schema.org\/ImageObject\"> <a href=\"https:\/\/itayachtscanada.com\/fr\/listing\/ferretti-850-flybridge-2018-3750000-usd-for-sale\/capture-decran-le-2025-10-23-a-16-16-47\/\" border=\"0\" itemprop=\"url\"> <meta itemprop=\"width\" content=\"229\"> <meta itemprop=\"height\" content=\"229\"> <img decoding=\"async\" class=\"\" data-attachment-id=\"292145\" data-orig-file=\"https:\/\/itayachtscanada.com\/wp-content\/uploads\/2025\/10\/Capture-decran-le-2025-10-23-a-16.16.47.jpg\" data-orig-size=\"1404,938\" data-comments-opened=\"1\" data-image-meta=\"{&quot;aperture&quot;:&quot;0&quot;,&quot;credit&quot;:&quot;&quot;,&quot;camera&quot;:&quot;&quot;,&quot;caption&quot;:&quot;&quot;,&quot;created_timestamp&quot;:&quot;0&quot;,&quot;copyright&quot;:&quot;&quot;,&quot;focal_length&quot;:&quot;0&quot;,&quot;iso&quot;:&quot;0&quot;,&quot;shutter_speed&quot;:&quot;0&quot;,&quot;title&quot;:&quot;&quot;,&quot;orientation&quot;:&quot;0&quot;}\" data-image-title=\"Capture d\u2019e\u0301cran, le 2025-10-23 a\u0300 16.16.47\" data-image-description=\"\" data-medium-file=\"https:\/\/i0.wp.com\/itayachtscanada.com\/wp-content\/uploads\/2025\/10\/Capture-decran-le-2025-10-23-a-16.16.47.jpg?fit=300%2C200&#038;ssl=1\" data-large-file=\"https:\/\/i0.wp.com\/itayachtscanada.com\/wp-content\/uploads\/2025\/10\/Capture-decran-le-2025-10-23-a-16.16.47.jpg?fit=700%2C468&#038;ssl=1\" src=\"https:\/\/i0.wp.com\/itayachtscanada.com\/wp-content\/uploads\/2025\/10\/Capture-decran-le-2025-10-23-a-16.16.47.jpg?w=229&#038;h=229&#038;crop=1&#038;ssl=1\" srcset=\"https:\/\/i0.wp.com\/itayachtscanada.com\/wp-content\/uploads\/2025\/10\/Capture-decran-le-2025-10-23-a-16.16.47.jpg?resize=150%2C150&amp;ssl=1 150w, https:\/\/i0.wp.com\/itayachtscanada.com\/wp-content\/uploads\/2025\/10\/Capture-decran-le-2025-10-23-a-16.16.47.jpg?resize=60%2C60&amp;ssl=1 60w, https:\/\/i0.wp.com\/itayachtscanada.com\/wp-content\/uploads\/2025\/10\/Capture-decran-le-2025-10-23-a-16.16.47.jpg?resize=80%2C80&amp;ssl=1 80w, https:\/\/i0.wp.com\/itayachtscanada.com\/wp-content\/uploads\/2025\/10\/Capture-decran-le-2025-10-23-a-16.16.47.jpg?resize=100%2C100&amp;ssl=1 100w, https:\/\/i0.wp.com\/itayachtscanada.com\/wp-content\/uploads\/2025\/10\/Capture-decran-le-2025-10-23-a-16.16.47.jpg?resize=50%2C50&amp;ssl=1 50w, https:\/\/i0.wp.com\/itayachtscanada.com\/wp-content\/uploads\/2025\/10\/Capture-decran-le-2025-10-23-a-16.16.47.jpg?zoom=2&amp;resize=229%2C229&amp;ssl=1 458w, https:\/\/i0.wp.com\/itayachtscanada.com\/wp-content\/uploads\/2025\/10\/Capture-decran-le-2025-10-23-a-16.16.47.jpg?zoom=3&amp;resize=229%2C229&amp;ssl=1 687w\" width=\"229\" height=\"229\" loading=\"lazy\" data-original-width=\"229\" data-original-height=\"229\" itemprop=\"http:\/\/schema.org\/image\" title=\"Capture d\u2019e\u0301cran, le 2025-10-23 a\u0300 16.16.47\" alt=\"Capture d\u2019e\u0301cran, le 2025-10-23 a\u0300 16.16.47\" style=\"width: 229px; height: 229px;\" \/> <\/a> <\/div> <\/div> <div class=\"gallery-group\" style=\"width: 233px; height: 233px;\" data-original-width=\"233\" data-original-height=\"233\" > <div class=\"tiled-gallery-item \" itemprop=\"associatedMedia\" itemscope itemtype=\"http:\/\/schema.org\/ImageObject\"> <a href=\"https:\/\/itayachtscanada.com\/fr\/listing\/ferretti-850-flybridge-2018-3750000-usd-for-sale\/capture-decran-le-2025-10-23-a-16-16-41\/\" border=\"0\" itemprop=\"url\"> <meta itemprop=\"width\" content=\"229\"> <meta itemprop=\"height\" content=\"229\"> <img decoding=\"async\" class=\"\" data-attachment-id=\"292146\" data-orig-file=\"https:\/\/itayachtscanada.com\/wp-content\/uploads\/2025\/10\/Capture-decran-le-2025-10-23-a-16.16.41.jpg\" data-orig-size=\"1404,938\" data-comments-opened=\"1\" data-image-meta=\"{&quot;aperture&quot;:&quot;0&quot;,&quot;credit&quot;:&quot;&quot;,&quot;camera&quot;:&quot;&quot;,&quot;caption&quot;:&quot;&quot;,&quot;created_timestamp&quot;:&quot;0&quot;,&quot;copyright&quot;:&quot;&quot;,&quot;focal_length&quot;:&quot;0&quot;,&quot;iso&quot;:&quot;0&quot;,&quot;shutter_speed&quot;:&quot;0&quot;,&quot;title&quot;:&quot;&quot;,&quot;orientation&quot;:&quot;0&quot;}\" data-image-title=\"Capture d\u2019e\u0301cran, le 2025-10-23 a\u0300 16.16.41\" data-image-description=\"\" data-medium-file=\"https:\/\/i0.wp.com\/itayachtscanada.com\/wp-content\/uploads\/2025\/10\/Capture-decran-le-2025-10-23-a-16.16.41.jpg?fit=300%2C200&#038;ssl=1\" data-large-file=\"https:\/\/i0.wp.com\/itayachtscanada.com\/wp-content\/uploads\/2025\/10\/Capture-decran-le-2025-10-23-a-16.16.41.jpg?fit=700%2C468&#038;ssl=1\" src=\"https:\/\/i0.wp.com\/itayachtscanada.com\/wp-content\/uploads\/2025\/10\/Capture-decran-le-2025-10-23-a-16.16.41.jpg?w=229&#038;h=229&#038;crop=1&#038;ssl=1\" srcset=\"https:\/\/i0.wp.com\/itayachtscanada.com\/wp-content\/uploads\/2025\/10\/Capture-decran-le-2025-10-23-a-16.16.41.jpg?resize=150%2C150&amp;ssl=1 150w, https:\/\/i0.wp.com\/itayachtscanada.com\/wp-content\/uploads\/2025\/10\/Capture-decran-le-2025-10-23-a-16.16.41.jpg?resize=60%2C60&amp;ssl=1 60w, https:\/\/i0.wp.com\/itayachtscanada.com\/wp-content\/uploads\/2025\/10\/Capture-decran-le-2025-10-23-a-16.16.41.jpg?resize=80%2C80&amp;ssl=1 80w, https:\/\/i0.wp.com\/itayachtscanada.com\/wp-content\/uploads\/2025\/10\/Capture-decran-le-2025-10-23-a-16.16.41.jpg?resize=100%2C100&amp;ssl=1 100w, https:\/\/i0.wp.com\/itayachtscanada.com\/wp-content\/uploads\/2025\/10\/Capture-decran-le-2025-10-23-a-16.16.41.jpg?resize=50%2C50&amp;ssl=1 50w, https:\/\/i0.wp.com\/itayachtscanada.com\/wp-content\/uploads\/2025\/10\/Capture-decran-le-2025-10-23-a-16.16.41.jpg?zoom=2&amp;resize=229%2C229&amp;ssl=1 458w, https:\/\/i0.wp.com\/itayachtscanada.com\/wp-content\/uploads\/2025\/10\/Capture-decran-le-2025-10-23-a-16.16.41.jpg?zoom=3&amp;resize=229%2C229&amp;ssl=1 687w\" width=\"229\" height=\"229\" loading=\"lazy\" data-original-width=\"229\" data-original-height=\"229\" itemprop=\"http:\/\/schema.org\/image\" title=\"Capture d\u2019e\u0301cran, le 2025-10-23 a\u0300 16.16.41\" alt=\"Capture d\u2019e\u0301cran, le 2025-10-23 a\u0300 16.16.41\" style=\"width: 229px; height: 229px;\" \/> <\/a> <\/div> <\/div> <div class=\"gallery-group\" style=\"width: 233px; height: 233px;\" data-original-width=\"233\" data-original-height=\"233\" > <div class=\"tiled-gallery-item \" itemprop=\"associatedMedia\" itemscope itemtype=\"http:\/\/schema.org\/ImageObject\"> <a href=\"https:\/\/itayachtscanada.com\/fr\/listing\/ferretti-850-flybridge-2018-3750000-usd-for-sale\/capture-decran-le-2025-10-23-a-16-16-38\/\" border=\"0\" itemprop=\"url\"> <meta itemprop=\"width\" content=\"229\"> <meta itemprop=\"height\" content=\"229\"> <img decoding=\"async\" class=\"\" data-attachment-id=\"292147\" data-orig-file=\"https:\/\/itayachtscanada.com\/wp-content\/uploads\/2025\/10\/Capture-decran-le-2025-10-23-a-16.16.38.jpg\" data-orig-size=\"1404,938\" data-comments-opened=\"1\" data-image-meta=\"{&quot;aperture&quot;:&quot;0&quot;,&quot;credit&quot;:&quot;&quot;,&quot;camera&quot;:&quot;&quot;,&quot;caption&quot;:&quot;&quot;,&quot;created_timestamp&quot;:&quot;0&quot;,&quot;copyright&quot;:&quot;&quot;,&quot;focal_length&quot;:&quot;0&quot;,&quot;iso&quot;:&quot;0&quot;,&quot;shutter_speed&quot;:&quot;0&quot;,&quot;title&quot;:&quot;&quot;,&quot;orientation&quot;:&quot;0&quot;}\" data-image-title=\"Capture d\u2019e\u0301cran, le 2025-10-23 a\u0300 16.16.38\" data-image-description=\"\" data-medium-file=\"https:\/\/i0.wp.com\/itayachtscanada.com\/wp-content\/uploads\/2025\/10\/Capture-decran-le-2025-10-23-a-16.16.38.jpg?fit=300%2C200&#038;ssl=1\" data-large-file=\"https:\/\/i0.wp.com\/itayachtscanada.com\/wp-content\/uploads\/2025\/10\/Capture-decran-le-2025-10-23-a-16.16.38.jpg?fit=700%2C468&#038;ssl=1\" src=\"https:\/\/i0.wp.com\/itayachtscanada.com\/wp-content\/uploads\/2025\/10\/Capture-decran-le-2025-10-23-a-16.16.38.jpg?w=229&#038;h=229&#038;crop=1&#038;ssl=1\" srcset=\"https:\/\/i0.wp.com\/itayachtscanada.com\/wp-content\/uploads\/2025\/10\/Capture-decran-le-2025-10-23-a-16.16.38.jpg?resize=150%2C150&amp;ssl=1 150w, https:\/\/i0.wp.com\/itayachtscanada.com\/wp-content\/uploads\/2025\/10\/Capture-decran-le-2025-10-23-a-16.16.38.jpg?resize=60%2C60&amp;ssl=1 60w, https:\/\/i0.wp.com\/itayachtscanada.com\/wp-content\/uploads\/2025\/10\/Capture-decran-le-2025-10-23-a-16.16.38.jpg?resize=80%2C80&amp;ssl=1 80w, https:\/\/i0.wp.com\/itayachtscanada.com\/wp-content\/uploads\/2025\/10\/Capture-decran-le-2025-10-23-a-16.16.38.jpg?resize=100%2C100&amp;ssl=1 100w, https:\/\/i0.wp.com\/itayachtscanada.com\/wp-content\/uploads\/2025\/10\/Capture-decran-le-2025-10-23-a-16.16.38.jpg?resize=50%2C50&amp;ssl=1 50w, https:\/\/i0.wp.com\/itayachtscanada.com\/wp-content\/uploads\/2025\/10\/Capture-decran-le-2025-10-23-a-16.16.38.jpg?zoom=2&amp;resize=229%2C229&amp;ssl=1 458w, https:\/\/i0.wp.com\/itayachtscanada.com\/wp-content\/uploads\/2025\/10\/Capture-decran-le-2025-10-23-a-16.16.38.jpg?zoom=3&amp;resize=229%2C229&amp;ssl=1 687w\" width=\"229\" height=\"229\" loading=\"lazy\" data-original-width=\"229\" data-original-height=\"229\" itemprop=\"http:\/\/schema.org\/image\" title=\"Capture d\u2019e\u0301cran, le 2025-10-23 a\u0300 16.16.38\" alt=\"Capture d\u2019e\u0301cran, le 2025-10-23 a\u0300 16.16.38\" style=\"width: 229px; height: 229px;\" \/> <\/a> <\/div> <\/div> <\/div> <div class=\"gallery-row\" style=\"width: 700px; height: 233px;\" data-original-width=\"700\" data-original-height=\"233\" > <div class=\"gallery-group\" style=\"width: 233px; height: 233px;\" data-original-width=\"233\" data-original-height=\"233\" > <div class=\"tiled-gallery-item \" itemprop=\"associatedMedia\" itemscope itemtype=\"http:\/\/schema.org\/ImageObject\"> <a href=\"https:\/\/itayachtscanada.com\/fr\/listing\/ferretti-850-flybridge-2018-3750000-usd-for-sale\/capture-decran-le-2025-10-23-a-16-16-35\/\" border=\"0\" itemprop=\"url\"> <meta itemprop=\"width\" content=\"229\"> <meta itemprop=\"height\" content=\"229\"> <img decoding=\"async\" class=\"\" data-attachment-id=\"292148\" data-orig-file=\"https:\/\/itayachtscanada.com\/wp-content\/uploads\/2025\/10\/Capture-decran-le-2025-10-23-a-16.16.35.jpg\" data-orig-size=\"1404,938\" data-comments-opened=\"1\" data-image-meta=\"{&quot;aperture&quot;:&quot;0&quot;,&quot;credit&quot;:&quot;&quot;,&quot;camera&quot;:&quot;&quot;,&quot;caption&quot;:&quot;&quot;,&quot;created_timestamp&quot;:&quot;0&quot;,&quot;copyright&quot;:&quot;&quot;,&quot;focal_length&quot;:&quot;0&quot;,&quot;iso&quot;:&quot;0&quot;,&quot;shutter_speed&quot;:&quot;0&quot;,&quot;title&quot;:&quot;&quot;,&quot;orientation&quot;:&quot;0&quot;}\" data-image-title=\"Capture d\u2019e\u0301cran, le 2025-10-23 a\u0300 16.16.35\" data-image-description=\"\" data-medium-file=\"https:\/\/i0.wp.com\/itayachtscanada.com\/wp-content\/uploads\/2025\/10\/Capture-decran-le-2025-10-23-a-16.16.35.jpg?fit=300%2C200&#038;ssl=1\" data-large-file=\"https:\/\/i0.wp.com\/itayachtscanada.com\/wp-content\/uploads\/2025\/10\/Capture-decran-le-2025-10-23-a-16.16.35.jpg?fit=700%2C468&#038;ssl=1\" src=\"https:\/\/i0.wp.com\/itayachtscanada.com\/wp-content\/uploads\/2025\/10\/Capture-decran-le-2025-10-23-a-16.16.35.jpg?w=229&#038;h=229&#038;crop=1&#038;ssl=1\" srcset=\"https:\/\/i0.wp.com\/itayachtscanada.com\/wp-content\/uploads\/2025\/10\/Capture-decran-le-2025-10-23-a-16.16.35.jpg?resize=150%2C150&amp;ssl=1 150w, https:\/\/i0.wp.com\/itayachtscanada.com\/wp-content\/uploads\/2025\/10\/Capture-decran-le-2025-10-23-a-16.16.35.jpg?resize=60%2C60&amp;ssl=1 60w, https:\/\/i0.wp.com\/itayachtscanada.com\/wp-content\/uploads\/2025\/10\/Capture-decran-le-2025-10-23-a-16.16.35.jpg?resize=80%2C80&amp;ssl=1 80w, https:\/\/i0.wp.com\/itayachtscanada.com\/wp-content\/uploads\/2025\/10\/Capture-decran-le-2025-10-23-a-16.16.35.jpg?resize=100%2C100&amp;ssl=1 100w, https:\/\/i0.wp.com\/itayachtscanada.com\/wp-content\/uploads\/2025\/10\/Capture-decran-le-2025-10-23-a-16.16.35.jpg?resize=50%2C50&amp;ssl=1 50w, https:\/\/i0.wp.com\/itayachtscanada.com\/wp-content\/uploads\/2025\/10\/Capture-decran-le-2025-10-23-a-16.16.35.jpg?zoom=2&amp;resize=229%2C229&amp;ssl=1 458w, https:\/\/i0.wp.com\/itayachtscanada.com\/wp-content\/uploads\/2025\/10\/Capture-decran-le-2025-10-23-a-16.16.35.jpg?zoom=3&amp;resize=229%2C229&amp;ssl=1 687w\" width=\"229\" height=\"229\" loading=\"lazy\" data-original-width=\"229\" data-original-height=\"229\" itemprop=\"http:\/\/schema.org\/image\" title=\"Capture d\u2019e\u0301cran, le 2025-10-23 a\u0300 16.16.35\" alt=\"Capture d\u2019e\u0301cran, le 2025-10-23 a\u0300 16.16.35\" style=\"width: 229px; height: 229px;\" \/> <\/a> <\/div> <\/div> <div class=\"gallery-group\" style=\"width: 233px; height: 233px;\" data-original-width=\"233\" data-original-height=\"233\" > <div class=\"tiled-gallery-item \" itemprop=\"associatedMedia\" itemscope itemtype=\"http:\/\/schema.org\/ImageObject\"> <a href=\"https:\/\/itayachtscanada.com\/fr\/listing\/ferretti-850-flybridge-2018-3750000-usd-for-sale\/capture-decran-le-2025-10-23-a-16-16-32\/\" border=\"0\" itemprop=\"url\"> <meta itemprop=\"width\" content=\"229\"> <meta itemprop=\"height\" content=\"229\"> <img decoding=\"async\" class=\"\" data-attachment-id=\"292149\" data-orig-file=\"https:\/\/itayachtscanada.com\/wp-content\/uploads\/2025\/10\/Capture-decran-le-2025-10-23-a-16.16.32.jpg\" data-orig-size=\"1404,938\" data-comments-opened=\"1\" data-image-meta=\"{&quot;aperture&quot;:&quot;0&quot;,&quot;credit&quot;:&quot;&quot;,&quot;camera&quot;:&quot;&quot;,&quot;caption&quot;:&quot;&quot;,&quot;created_timestamp&quot;:&quot;0&quot;,&quot;copyright&quot;:&quot;&quot;,&quot;focal_length&quot;:&quot;0&quot;,&quot;iso&quot;:&quot;0&quot;,&quot;shutter_speed&quot;:&quot;0&quot;,&quot;title&quot;:&quot;&quot;,&quot;orientation&quot;:&quot;0&quot;}\" data-image-title=\"Capture d\u2019e\u0301cran, le 2025-10-23 a\u0300 16.16.32\" data-image-description=\"\" data-medium-file=\"https:\/\/i0.wp.com\/itayachtscanada.com\/wp-content\/uploads\/2025\/10\/Capture-decran-le-2025-10-23-a-16.16.32.jpg?fit=300%2C200&#038;ssl=1\" data-large-file=\"https:\/\/i0.wp.com\/itayachtscanada.com\/wp-content\/uploads\/2025\/10\/Capture-decran-le-2025-10-23-a-16.16.32.jpg?fit=700%2C468&#038;ssl=1\" src=\"https:\/\/i0.wp.com\/itayachtscanada.com\/wp-content\/uploads\/2025\/10\/Capture-decran-le-2025-10-23-a-16.16.32.jpg?w=229&#038;h=229&#038;crop=1&#038;ssl=1\" srcset=\"https:\/\/i0.wp.com\/itayachtscanada.com\/wp-content\/uploads\/2025\/10\/Capture-decran-le-2025-10-23-a-16.16.32.jpg?resize=150%2C150&amp;ssl=1 150w, https:\/\/i0.wp.com\/itayachtscanada.com\/wp-content\/uploads\/2025\/10\/Capture-decran-le-2025-10-23-a-16.16.32.jpg?resize=60%2C60&amp;ssl=1 60w, https:\/\/i0.wp.com\/itayachtscanada.com\/wp-content\/uploads\/2025\/10\/Capture-decran-le-2025-10-23-a-16.16.32.jpg?resize=80%2C80&amp;ssl=1 80w, https:\/\/i0.wp.com\/itayachtscanada.com\/wp-content\/uploads\/2025\/10\/Capture-decran-le-2025-10-23-a-16.16.32.jpg?resize=100%2C100&amp;ssl=1 100w, https:\/\/i0.wp.com\/itayachtscanada.com\/wp-content\/uploads\/2025\/10\/Capture-decran-le-2025-10-23-a-16.16.32.jpg?resize=50%2C50&amp;ssl=1 50w, https:\/\/i0.wp.com\/itayachtscanada.com\/wp-content\/uploads\/2025\/10\/Capture-decran-le-2025-10-23-a-16.16.32.jpg?zoom=2&amp;resize=229%2C229&amp;ssl=1 458w, https:\/\/i0.wp.com\/itayachtscanada.com\/wp-content\/uploads\/2025\/10\/Capture-decran-le-2025-10-23-a-16.16.32.jpg?zoom=3&amp;resize=229%2C229&amp;ssl=1 687w\" width=\"229\" height=\"229\" loading=\"lazy\" data-original-width=\"229\" data-original-height=\"229\" itemprop=\"http:\/\/schema.org\/image\" title=\"Capture d\u2019e\u0301cran, le 2025-10-23 a\u0300 16.16.32\" alt=\"Capture d\u2019e\u0301cran, le 2025-10-23 a\u0300 16.16.32\" style=\"width: 229px; height: 229px;\" \/> <\/a> <\/div> <\/div> <div class=\"gallery-group\" style=\"width: 233px; height: 233px;\" data-original-width=\"233\" data-original-height=\"233\" > <div class=\"tiled-gallery-item \" itemprop=\"associatedMedia\" itemscope itemtype=\"http:\/\/schema.org\/ImageObject\"> <a href=\"https:\/\/itayachtscanada.com\/fr\/listing\/ferretti-850-flybridge-2018-3750000-usd-for-sale\/capture-decran-le-2025-10-23-a-16-16-29\/\" border=\"0\" itemprop=\"url\"> <meta itemprop=\"width\" content=\"229\"> <meta itemprop=\"height\" content=\"229\"> <img decoding=\"async\" class=\"\" data-attachment-id=\"292150\" data-orig-file=\"https:\/\/itayachtscanada.com\/wp-content\/uploads\/2025\/10\/Capture-decran-le-2025-10-23-a-16.16.29.jpg\" data-orig-size=\"1404,938\" data-comments-opened=\"1\" data-image-meta=\"{&quot;aperture&quot;:&quot;0&quot;,&quot;credit&quot;:&quot;&quot;,&quot;camera&quot;:&quot;&quot;,&quot;caption&quot;:&quot;&quot;,&quot;created_timestamp&quot;:&quot;0&quot;,&quot;copyright&quot;:&quot;&quot;,&quot;focal_length&quot;:&quot;0&quot;,&quot;iso&quot;:&quot;0&quot;,&quot;shutter_speed&quot;:&quot;0&quot;,&quot;title&quot;:&quot;&quot;,&quot;orientation&quot;:&quot;0&quot;}\" data-image-title=\"Capture d\u2019e\u0301cran, le 2025-10-23 a\u0300 16.16.29\" data-image-description=\"\" data-medium-file=\"https:\/\/i0.wp.com\/itayachtscanada.com\/wp-content\/uploads\/2025\/10\/Capture-decran-le-2025-10-23-a-16.16.29.jpg?fit=300%2C200&#038;ssl=1\" data-large-file=\"https:\/\/i0.wp.com\/itayachtscanada.com\/wp-content\/uploads\/2025\/10\/Capture-decran-le-2025-10-23-a-16.16.29.jpg?fit=700%2C468&#038;ssl=1\" src=\"https:\/\/i0.wp.com\/itayachtscanada.com\/wp-content\/uploads\/2025\/10\/Capture-decran-le-2025-10-23-a-16.16.29.jpg?w=229&#038;h=229&#038;crop=1&#038;ssl=1\" srcset=\"https:\/\/i0.wp.com\/itayachtscanada.com\/wp-content\/uploads\/2025\/10\/Capture-decran-le-2025-10-23-a-16.16.29.jpg?resize=150%2C150&amp;ssl=1 150w, https:\/\/i0.wp.com\/itayachtscanada.com\/wp-content\/uploads\/2025\/10\/Capture-decran-le-2025-10-23-a-16.16.29.jpg?resize=60%2C60&amp;ssl=1 60w, https:\/\/i0.wp.com\/itayachtscanada.com\/wp-content\/uploads\/2025\/10\/Capture-decran-le-2025-10-23-a-16.16.29.jpg?resize=80%2C80&amp;ssl=1 80w, https:\/\/i0.wp.com\/itayachtscanada.com\/wp-content\/uploads\/2025\/10\/Capture-decran-le-2025-10-23-a-16.16.29.jpg?resize=100%2C100&amp;ssl=1 100w, https:\/\/i0.wp.com\/itayachtscanada.com\/wp-content\/uploads\/2025\/10\/Capture-decran-le-2025-10-23-a-16.16.29.jpg?resize=50%2C50&amp;ssl=1 50w, https:\/\/i0.wp.com\/itayachtscanada.com\/wp-content\/uploads\/2025\/10\/Capture-decran-le-2025-10-23-a-16.16.29.jpg?zoom=2&amp;resize=229%2C229&amp;ssl=1 458w, https:\/\/i0.wp.com\/itayachtscanada.com\/wp-content\/uploads\/2025\/10\/Capture-decran-le-2025-10-23-a-16.16.29.jpg?zoom=3&amp;resize=229%2C229&amp;ssl=1 687w\" width=\"229\" height=\"229\" loading=\"lazy\" data-original-width=\"229\" data-original-height=\"229\" itemprop=\"http:\/\/schema.org\/image\" title=\"Capture d\u2019e\u0301cran, le 2025-10-23 a\u0300 16.16.29\" alt=\"Capture d\u2019e\u0301cran, le 2025-10-23 a\u0300 16.16.29\" style=\"width: 229px; height: 229px;\" \/> <\/a> <\/div> <\/div> <\/div> <div class=\"gallery-row\" style=\"width: 700px; height: 233px;\" data-original-width=\"700\" data-original-height=\"233\" > <div class=\"gallery-group\" style=\"width: 233px; height: 233px;\" data-original-width=\"233\" data-original-height=\"233\" > <div class=\"tiled-gallery-item \" itemprop=\"associatedMedia\" itemscope itemtype=\"http:\/\/schema.org\/ImageObject\"> <a href=\"https:\/\/itayachtscanada.com\/fr\/listing\/ferretti-850-flybridge-2018-3750000-usd-for-sale\/capture-decran-le-2025-10-23-a-16-16-26\/\" border=\"0\" itemprop=\"url\"> <meta itemprop=\"width\" content=\"229\"> <meta itemprop=\"height\" content=\"229\"> <img decoding=\"async\" class=\"\" data-attachment-id=\"292151\" data-orig-file=\"https:\/\/itayachtscanada.com\/wp-content\/uploads\/2025\/10\/Capture-decran-le-2025-10-23-a-16.16.26.jpg\" data-orig-size=\"1404,938\" data-comments-opened=\"1\" data-image-meta=\"{&quot;aperture&quot;:&quot;0&quot;,&quot;credit&quot;:&quot;&quot;,&quot;camera&quot;:&quot;&quot;,&quot;caption&quot;:&quot;&quot;,&quot;created_timestamp&quot;:&quot;0&quot;,&quot;copyright&quot;:&quot;&quot;,&quot;focal_length&quot;:&quot;0&quot;,&quot;iso&quot;:&quot;0&quot;,&quot;shutter_speed&quot;:&quot;0&quot;,&quot;title&quot;:&quot;&quot;,&quot;orientation&quot;:&quot;0&quot;}\" data-image-title=\"Capture d\u2019e\u0301cran, le 2025-10-23 a\u0300 16.16.26\" data-image-description=\"\" data-medium-file=\"https:\/\/i0.wp.com\/itayachtscanada.com\/wp-content\/uploads\/2025\/10\/Capture-decran-le-2025-10-23-a-16.16.26.jpg?fit=300%2C200&#038;ssl=1\" data-large-file=\"https:\/\/i0.wp.com\/itayachtscanada.com\/wp-content\/uploads\/2025\/10\/Capture-decran-le-2025-10-23-a-16.16.26.jpg?fit=700%2C468&#038;ssl=1\" src=\"https:\/\/i0.wp.com\/itayachtscanada.com\/wp-content\/uploads\/2025\/10\/Capture-decran-le-2025-10-23-a-16.16.26.jpg?w=229&#038;h=229&#038;crop=1&#038;ssl=1\" srcset=\"https:\/\/i0.wp.com\/itayachtscanada.com\/wp-content\/uploads\/2025\/10\/Capture-decran-le-2025-10-23-a-16.16.26.jpg?resize=150%2C150&amp;ssl=1 150w, https:\/\/i0.wp.com\/itayachtscanada.com\/wp-content\/uploads\/2025\/10\/Capture-decran-le-2025-10-23-a-16.16.26.jpg?resize=60%2C60&amp;ssl=1 60w, https:\/\/i0.wp.com\/itayachtscanada.com\/wp-content\/uploads\/2025\/10\/Capture-decran-le-2025-10-23-a-16.16.26.jpg?resize=80%2C80&amp;ssl=1 80w, https:\/\/i0.wp.com\/itayachtscanada.com\/wp-content\/uploads\/2025\/10\/Capture-decran-le-2025-10-23-a-16.16.26.jpg?resize=100%2C100&amp;ssl=1 100w, https:\/\/i0.wp.com\/itayachtscanada.com\/wp-content\/uploads\/2025\/10\/Capture-decran-le-2025-10-23-a-16.16.26.jpg?resize=50%2C50&amp;ssl=1 50w, https:\/\/i0.wp.com\/itayachtscanada.com\/wp-content\/uploads\/2025\/10\/Capture-decran-le-2025-10-23-a-16.16.26.jpg?zoom=2&amp;resize=229%2C229&amp;ssl=1 458w, https:\/\/i0.wp.com\/itayachtscanada.com\/wp-content\/uploads\/2025\/10\/Capture-decran-le-2025-10-23-a-16.16.26.jpg?zoom=3&amp;resize=229%2C229&amp;ssl=1 687w\" width=\"229\" height=\"229\" loading=\"lazy\" data-original-width=\"229\" data-original-height=\"229\" itemprop=\"http:\/\/schema.org\/image\" title=\"Capture d\u2019e\u0301cran, le 2025-10-23 a\u0300 16.16.26\" alt=\"Capture d\u2019e\u0301cran, le 2025-10-23 a\u0300 16.16.26\" style=\"width: 229px; height: 229px;\" \/> <\/a> <\/div> <\/div> <div class=\"gallery-group\" style=\"width: 233px; height: 233px;\" data-original-width=\"233\" data-original-height=\"233\" > <div class=\"tiled-gallery-item \" itemprop=\"associatedMedia\" itemscope itemtype=\"http:\/\/schema.org\/ImageObject\"> <a href=\"https:\/\/itayachtscanada.com\/fr\/listing\/ferretti-850-flybridge-2018-3750000-usd-for-sale\/capture-decran-le-2025-10-23-a-16-16-22\/\" border=\"0\" itemprop=\"url\"> <meta itemprop=\"width\" content=\"229\"> <meta itemprop=\"height\" content=\"229\"> <img decoding=\"async\" class=\"\" data-attachment-id=\"292152\" data-orig-file=\"https:\/\/itayachtscanada.com\/wp-content\/uploads\/2025\/10\/Capture-decran-le-2025-10-23-a-16.16.22.jpg\" data-orig-size=\"1404,938\" data-comments-opened=\"1\" data-image-meta=\"{&quot;aperture&quot;:&quot;0&quot;,&quot;credit&quot;:&quot;&quot;,&quot;camera&quot;:&quot;&quot;,&quot;caption&quot;:&quot;&quot;,&quot;created_timestamp&quot;:&quot;0&quot;,&quot;copyright&quot;:&quot;&quot;,&quot;focal_length&quot;:&quot;0&quot;,&quot;iso&quot;:&quot;0&quot;,&quot;shutter_speed&quot;:&quot;0&quot;,&quot;title&quot;:&quot;&quot;,&quot;orientation&quot;:&quot;0&quot;}\" data-image-title=\"Capture d\u2019e\u0301cran, le 2025-10-23 a\u0300 16.16.22\" data-image-description=\"\" data-medium-file=\"https:\/\/i0.wp.com\/itayachtscanada.com\/wp-content\/uploads\/2025\/10\/Capture-decran-le-2025-10-23-a-16.16.22.jpg?fit=300%2C200&#038;ssl=1\" data-large-file=\"https:\/\/i0.wp.com\/itayachtscanada.com\/wp-content\/uploads\/2025\/10\/Capture-decran-le-2025-10-23-a-16.16.22.jpg?fit=700%2C468&#038;ssl=1\" src=\"https:\/\/i0.wp.com\/itayachtscanada.com\/wp-content\/uploads\/2025\/10\/Capture-decran-le-2025-10-23-a-16.16.22.jpg?w=229&#038;h=229&#038;crop=1&#038;ssl=1\" srcset=\"https:\/\/i0.wp.com\/itayachtscanada.com\/wp-content\/uploads\/2025\/10\/Capture-decran-le-2025-10-23-a-16.16.22.jpg?resize=150%2C150&amp;ssl=1 150w, https:\/\/i0.wp.com\/itayachtscanada.com\/wp-content\/uploads\/2025\/10\/Capture-decran-le-2025-10-23-a-16.16.22.jpg?resize=60%2C60&amp;ssl=1 60w, https:\/\/i0.wp.com\/itayachtscanada.com\/wp-content\/uploads\/2025\/10\/Capture-decran-le-2025-10-23-a-16.16.22.jpg?resize=80%2C80&amp;ssl=1 80w, https:\/\/i0.wp.com\/itayachtscanada.com\/wp-content\/uploads\/2025\/10\/Capture-decran-le-2025-10-23-a-16.16.22.jpg?resize=100%2C100&amp;ssl=1 100w, https:\/\/i0.wp.com\/itayachtscanada.com\/wp-content\/uploads\/2025\/10\/Capture-decran-le-2025-10-23-a-16.16.22.jpg?resize=50%2C50&amp;ssl=1 50w, https:\/\/i0.wp.com\/itayachtscanada.com\/wp-content\/uploads\/2025\/10\/Capture-decran-le-2025-10-23-a-16.16.22.jpg?zoom=2&amp;resize=229%2C229&amp;ssl=1 458w, https:\/\/i0.wp.com\/itayachtscanada.com\/wp-content\/uploads\/2025\/10\/Capture-decran-le-2025-10-23-a-16.16.22.jpg?zoom=3&amp;resize=229%2C229&amp;ssl=1 687w\" width=\"229\" height=\"229\" loading=\"lazy\" data-original-width=\"229\" data-original-height=\"229\" itemprop=\"http:\/\/schema.org\/image\" title=\"Capture d\u2019e\u0301cran, le 2025-10-23 a\u0300 16.16.22\" alt=\"Capture d\u2019e\u0301cran, le 2025-10-23 a\u0300 16.16.22\" style=\"width: 229px; height: 229px;\" \/> <\/a> <\/div> <\/div> <div class=\"gallery-group\" style=\"width: 233px; height: 233px;\" data-original-width=\"233\" data-original-height=\"233\" > <div class=\"tiled-gallery-item \" itemprop=\"associatedMedia\" itemscope itemtype=\"http:\/\/schema.org\/ImageObject\"> <a href=\"https:\/\/itayachtscanada.com\/fr\/listing\/ferretti-850-flybridge-2018-3750000-usd-for-sale\/capture-decran-le-2025-10-23-a-16-16-19\/\" border=\"0\" itemprop=\"url\"> <meta itemprop=\"width\" content=\"229\"> <meta itemprop=\"height\" content=\"229\"> <img decoding=\"async\" class=\"\" data-attachment-id=\"292153\" data-orig-file=\"https:\/\/itayachtscanada.com\/wp-content\/uploads\/2025\/10\/Capture-decran-le-2025-10-23-a-16.16.19.jpg\" data-orig-size=\"1404,938\" data-comments-opened=\"1\" data-image-meta=\"{&quot;aperture&quot;:&quot;0&quot;,&quot;credit&quot;:&quot;&quot;,&quot;camera&quot;:&quot;&quot;,&quot;caption&quot;:&quot;&quot;,&quot;created_timestamp&quot;:&quot;0&quot;,&quot;copyright&quot;:&quot;&quot;,&quot;focal_length&quot;:&quot;0&quot;,&quot;iso&quot;:&quot;0&quot;,&quot;shutter_speed&quot;:&quot;0&quot;,&quot;title&quot;:&quot;&quot;,&quot;orientation&quot;:&quot;0&quot;}\" data-image-title=\"Capture d\u2019e\u0301cran, le 2025-10-23 a\u0300 16.16.19\" data-image-description=\"\" data-medium-file=\"https:\/\/i0.wp.com\/itayachtscanada.com\/wp-content\/uploads\/2025\/10\/Capture-decran-le-2025-10-23-a-16.16.19.jpg?fit=300%2C200&#038;ssl=1\" data-large-file=\"https:\/\/i0.wp.com\/itayachtscanada.com\/wp-content\/uploads\/2025\/10\/Capture-decran-le-2025-10-23-a-16.16.19.jpg?fit=700%2C468&#038;ssl=1\" src=\"https:\/\/i0.wp.com\/itayachtscanada.com\/wp-content\/uploads\/2025\/10\/Capture-decran-le-2025-10-23-a-16.16.19.jpg?w=229&#038;h=229&#038;crop=1&#038;ssl=1\" srcset=\"https:\/\/i0.wp.com\/itayachtscanada.com\/wp-content\/uploads\/2025\/10\/Capture-decran-le-2025-10-23-a-16.16.19.jpg?resize=150%2C150&amp;ssl=1 150w, https:\/\/i0.wp.com\/itayachtscanada.com\/wp-content\/uploads\/2025\/10\/Capture-decran-le-2025-10-23-a-16.16.19.jpg?resize=60%2C60&amp;ssl=1 60w, https:\/\/i0.wp.com\/itayachtscanada.com\/wp-content\/uploads\/2025\/10\/Capture-decran-le-2025-10-23-a-16.16.19.jpg?resize=80%2C80&amp;ssl=1 80w, https:\/\/i0.wp.com\/itayachtscanada.com\/wp-content\/uploads\/2025\/10\/Capture-decran-le-2025-10-23-a-16.16.19.jpg?resize=100%2C100&amp;ssl=1 100w, https:\/\/i0.wp.com\/itayachtscanada.com\/wp-content\/uploads\/2025\/10\/Capture-decran-le-2025-10-23-a-16.16.19.jpg?resize=50%2C50&amp;ssl=1 50w, https:\/\/i0.wp.com\/itayachtscanada.com\/wp-content\/uploads\/2025\/10\/Capture-decran-le-2025-10-23-a-16.16.19.jpg?zoom=2&amp;resize=229%2C229&amp;ssl=1 458w, https:\/\/i0.wp.com\/itayachtscanada.com\/wp-content\/uploads\/2025\/10\/Capture-decran-le-2025-10-23-a-16.16.19.jpg?zoom=3&amp;resize=229%2C229&amp;ssl=1 687w\" width=\"229\" height=\"229\" loading=\"lazy\" data-original-width=\"229\" data-original-height=\"229\" itemprop=\"http:\/\/schema.org\/image\" title=\"Capture d\u2019e\u0301cran, le 2025-10-23 a\u0300 16.16.19\" alt=\"Capture d\u2019e\u0301cran, le 2025-10-23 a\u0300 16.16.19\" style=\"width: 229px; height: 229px;\" \/> <\/a> <\/div> <\/div> <\/div> <div class=\"gallery-row\" style=\"width: 700px; height: 233px;\" data-original-width=\"700\" data-original-height=\"233\" > <div class=\"gallery-group\" style=\"width: 233px; height: 233px;\" data-original-width=\"233\" data-original-height=\"233\" > <div class=\"tiled-gallery-item \" itemprop=\"associatedMedia\" itemscope itemtype=\"http:\/\/schema.org\/ImageObject\"> <a href=\"https:\/\/itayachtscanada.com\/fr\/listing\/ferretti-850-flybridge-2018-3750000-usd-for-sale\/capture-decran-le-2025-10-23-a-16-16-16\/\" border=\"0\" itemprop=\"url\"> <meta itemprop=\"width\" content=\"229\"> <meta itemprop=\"height\" content=\"229\"> <img decoding=\"async\" class=\"\" data-attachment-id=\"292154\" data-orig-file=\"https:\/\/itayachtscanada.com\/wp-content\/uploads\/2025\/10\/Capture-decran-le-2025-10-23-a-16.16.16.jpg\" data-orig-size=\"1404,938\" data-comments-opened=\"1\" data-image-meta=\"{&quot;aperture&quot;:&quot;0&quot;,&quot;credit&quot;:&quot;&quot;,&quot;camera&quot;:&quot;&quot;,&quot;caption&quot;:&quot;&quot;,&quot;created_timestamp&quot;:&quot;0&quot;,&quot;copyright&quot;:&quot;&quot;,&quot;focal_length&quot;:&quot;0&quot;,&quot;iso&quot;:&quot;0&quot;,&quot;shutter_speed&quot;:&quot;0&quot;,&quot;title&quot;:&quot;&quot;,&quot;orientation&quot;:&quot;0&quot;}\" data-image-title=\"Capture d\u2019e\u0301cran, le 2025-10-23 a\u0300 16.16.16\" data-image-description=\"\" data-medium-file=\"https:\/\/i0.wp.com\/itayachtscanada.com\/wp-content\/uploads\/2025\/10\/Capture-decran-le-2025-10-23-a-16.16.16.jpg?fit=300%2C200&#038;ssl=1\" data-large-file=\"https:\/\/i0.wp.com\/itayachtscanada.com\/wp-content\/uploads\/2025\/10\/Capture-decran-le-2025-10-23-a-16.16.16.jpg?fit=700%2C468&#038;ssl=1\" src=\"https:\/\/i0.wp.com\/itayachtscanada.com\/wp-content\/uploads\/2025\/10\/Capture-decran-le-2025-10-23-a-16.16.16.jpg?w=229&#038;h=229&#038;crop=1&#038;ssl=1\" srcset=\"https:\/\/i0.wp.com\/itayachtscanada.com\/wp-content\/uploads\/2025\/10\/Capture-decran-le-2025-10-23-a-16.16.16.jpg?resize=150%2C150&amp;ssl=1 150w, https:\/\/i0.wp.com\/itayachtscanada.com\/wp-content\/uploads\/2025\/10\/Capture-decran-le-2025-10-23-a-16.16.16.jpg?resize=60%2C60&amp;ssl=1 60w, https:\/\/i0.wp.com\/itayachtscanada.com\/wp-content\/uploads\/2025\/10\/Capture-decran-le-2025-10-23-a-16.16.16.jpg?resize=80%2C80&amp;ssl=1 80w, https:\/\/i0.wp.com\/itayachtscanada.com\/wp-content\/uploads\/2025\/10\/Capture-decran-le-2025-10-23-a-16.16.16.jpg?resize=100%2C100&amp;ssl=1 100w, https:\/\/i0.wp.com\/itayachtscanada.com\/wp-content\/uploads\/2025\/10\/Capture-decran-le-2025-10-23-a-16.16.16.jpg?resize=50%2C50&amp;ssl=1 50w, https:\/\/i0.wp.com\/itayachtscanada.com\/wp-content\/uploads\/2025\/10\/Capture-decran-le-2025-10-23-a-16.16.16.jpg?zoom=2&amp;resize=229%2C229&amp;ssl=1 458w, https:\/\/i0.wp.com\/itayachtscanada.com\/wp-content\/uploads\/2025\/10\/Capture-decran-le-2025-10-23-a-16.16.16.jpg?zoom=3&amp;resize=229%2C229&amp;ssl=1 687w\" width=\"229\" height=\"229\" loading=\"lazy\" data-original-width=\"229\" data-original-height=\"229\" itemprop=\"http:\/\/schema.org\/image\" title=\"Capture d\u2019e\u0301cran, le 2025-10-23 a\u0300 16.16.16\" alt=\"Capture d\u2019e\u0301cran, le 2025-10-23 a\u0300 16.16.16\" style=\"width: 229px; height: 229px;\" \/> <\/a> <\/div> <\/div> <div class=\"gallery-group\" style=\"width: 233px; height: 233px;\" data-original-width=\"233\" data-original-height=\"233\" > <div class=\"tiled-gallery-item \" itemprop=\"associatedMedia\" itemscope itemtype=\"http:\/\/schema.org\/ImageObject\"> <a href=\"https:\/\/itayachtscanada.com\/fr\/listing\/ferretti-850-flybridge-2018-3750000-usd-for-sale\/layout-ferretti-850\/\" border=\"0\" itemprop=\"url\"> <meta itemprop=\"width\" content=\"229\"> <meta itemprop=\"height\" content=\"229\"> <img decoding=\"async\" class=\"\" data-attachment-id=\"292168\" data-orig-file=\"https:\/\/itayachtscanada.com\/wp-content\/uploads\/2025\/10\/Layout-Ferretti-850-.jpg\" data-orig-size=\"1280,1168\" data-comments-opened=\"1\" data-image-meta=\"{&quot;aperture&quot;:&quot;0&quot;,&quot;credit&quot;:&quot;&quot;,&quot;camera&quot;:&quot;&quot;,&quot;caption&quot;:&quot;&quot;,&quot;created_timestamp&quot;:&quot;0&quot;,&quot;copyright&quot;:&quot;&quot;,&quot;focal_length&quot;:&quot;0&quot;,&quot;iso&quot;:&quot;0&quot;,&quot;shutter_speed&quot;:&quot;0&quot;,&quot;title&quot;:&quot;&quot;,&quot;orientation&quot;:&quot;0&quot;}\" data-image-title=\"Layout Ferretti 850\" data-image-description=\"\" data-medium-file=\"https:\/\/i0.wp.com\/itayachtscanada.com\/wp-content\/uploads\/2025\/10\/Layout-Ferretti-850-.jpg?fit=300%2C274&#038;ssl=1\" data-large-file=\"https:\/\/i0.wp.com\/itayachtscanada.com\/wp-content\/uploads\/2025\/10\/Layout-Ferretti-850-.jpg?fit=700%2C638&#038;ssl=1\" src=\"https:\/\/i0.wp.com\/itayachtscanada.com\/wp-content\/uploads\/2025\/10\/Layout-Ferretti-850-.jpg?w=229&#038;h=229&#038;crop=1&#038;ssl=1\" srcset=\"https:\/\/i0.wp.com\/itayachtscanada.com\/wp-content\/uploads\/2025\/10\/Layout-Ferretti-850-.jpg?resize=150%2C150&amp;ssl=1 150w, https:\/\/i0.wp.com\/itayachtscanada.com\/wp-content\/uploads\/2025\/10\/Layout-Ferretti-850-.jpg?resize=60%2C60&amp;ssl=1 60w, https:\/\/i0.wp.com\/itayachtscanada.com\/wp-content\/uploads\/2025\/10\/Layout-Ferretti-850-.jpg?resize=80%2C80&amp;ssl=1 80w, https:\/\/i0.wp.com\/itayachtscanada.com\/wp-content\/uploads\/2025\/10\/Layout-Ferretti-850-.jpg?resize=100%2C100&amp;ssl=1 100w, https:\/\/i0.wp.com\/itayachtscanada.com\/wp-content\/uploads\/2025\/10\/Layout-Ferretti-850-.jpg?resize=50%2C50&amp;ssl=1 50w, https:\/\/i0.wp.com\/itayachtscanada.com\/wp-content\/uploads\/2025\/10\/Layout-Ferretti-850-.jpg?zoom=2&amp;resize=229%2C229&amp;ssl=1 458w, https:\/\/i0.wp.com\/itayachtscanada.com\/wp-content\/uploads\/2025\/10\/Layout-Ferretti-850-.jpg?zoom=3&amp;resize=229%2C229&amp;ssl=1 687w\" width=\"229\" height=\"229\" loading=\"lazy\" data-original-width=\"229\" data-original-height=\"229\" itemprop=\"http:\/\/schema.org\/image\" title=\"Layout Ferretti 850\" alt=\"Layout Ferretti 850\" style=\"width: 229px; height: 229px;\" \/> <\/a> <\/div> <\/div> <div class=\"gallery-group\" style=\"width: 233px; height: 233px;\" data-original-width=\"233\" data-original-height=\"233\" > <div class=\"tiled-gallery-item \" itemprop=\"associatedMedia\" itemscope itemtype=\"http:\/\/schema.org\/ImageObject\"> <a href=\"https:\/\/itayachtscanada.com\/fr\/listing\/ferretti-850-flybridge-2018-3750000-usd-for-sale\/capture-decran-le-2025-10-23-a-16-15-52\/\" border=\"0\" itemprop=\"url\"> <meta itemprop=\"width\" content=\"229\"> <meta itemprop=\"height\" content=\"229\"> <img decoding=\"async\" class=\"\" data-attachment-id=\"292155\" data-orig-file=\"https:\/\/itayachtscanada.com\/wp-content\/uploads\/2025\/10\/Capture-decran-le-2025-10-23-a-16.15.52.jpg\" data-orig-size=\"1404,938\" data-comments-opened=\"1\" data-image-meta=\"{&quot;aperture&quot;:&quot;0&quot;,&quot;credit&quot;:&quot;&quot;,&quot;camera&quot;:&quot;&quot;,&quot;caption&quot;:&quot;&quot;,&quot;created_timestamp&quot;:&quot;0&quot;,&quot;copyright&quot;:&quot;&quot;,&quot;focal_length&quot;:&quot;0&quot;,&quot;iso&quot;:&quot;0&quot;,&quot;shutter_speed&quot;:&quot;0&quot;,&quot;title&quot;:&quot;&quot;,&quot;orientation&quot;:&quot;0&quot;}\" data-image-title=\"Capture d\u2019e\u0301cran, le 2025-10-23 a\u0300 16.15.52\" data-image-description=\"\" data-medium-file=\"https:\/\/i0.wp.com\/itayachtscanada.com\/wp-content\/uploads\/2025\/10\/Capture-decran-le-2025-10-23-a-16.15.52.jpg?fit=300%2C200&#038;ssl=1\" data-large-file=\"https:\/\/i0.wp.com\/itayachtscanada.com\/wp-content\/uploads\/2025\/10\/Capture-decran-le-2025-10-23-a-16.15.52.jpg?fit=700%2C468&#038;ssl=1\" src=\"https:\/\/i0.wp.com\/itayachtscanada.com\/wp-content\/uploads\/2025\/10\/Capture-decran-le-2025-10-23-a-16.15.52.jpg?w=229&#038;h=229&#038;crop=1&#038;ssl=1\" srcset=\"https:\/\/i0.wp.com\/itayachtscanada.com\/wp-content\/uploads\/2025\/10\/Capture-decran-le-2025-10-23-a-16.15.52.jpg?resize=150%2C150&amp;ssl=1 150w, https:\/\/i0.wp.com\/itayachtscanada.com\/wp-content\/uploads\/2025\/10\/Capture-decran-le-2025-10-23-a-16.15.52.jpg?resize=60%2C60&amp;ssl=1 60w, https:\/\/i0.wp.com\/itayachtscanada.com\/wp-content\/uploads\/2025\/10\/Capture-decran-le-2025-10-23-a-16.15.52.jpg?resize=80%2C80&amp;ssl=1 80w, https:\/\/i0.wp.com\/itayachtscanada.com\/wp-content\/uploads\/2025\/10\/Capture-decran-le-2025-10-23-a-16.15.52.jpg?resize=100%2C100&amp;ssl=1 100w, https:\/\/i0.wp.com\/itayachtscanada.com\/wp-content\/uploads\/2025\/10\/Capture-decran-le-2025-10-23-a-16.15.52.jpg?resize=50%2C50&amp;ssl=1 50w, https:\/\/i0.wp.com\/itayachtscanada.com\/wp-content\/uploads\/2025\/10\/Capture-decran-le-2025-10-23-a-16.15.52.jpg?zoom=2&amp;resize=229%2C229&amp;ssl=1 458w, https:\/\/i0.wp.com\/itayachtscanada.com\/wp-content\/uploads\/2025\/10\/Capture-decran-le-2025-10-23-a-16.15.52.jpg?zoom=3&amp;resize=229%2C229&amp;ssl=1 687w\" width=\"229\" height=\"229\" loading=\"lazy\" data-original-width=\"229\" data-original-height=\"229\" itemprop=\"http:\/\/schema.org\/image\" title=\"Capture d\u2019e\u0301cran, le 2025-10-23 a\u0300 16.15.52\" alt=\"Capture d\u2019e\u0301cran, le 2025-10-23 a\u0300 16.15.52\" style=\"width: 229px; height: 229px;\" \/> <\/a> <\/div> <\/div> <\/div> <div class=\"gallery-row\" style=\"width: 700px; height: 233px;\" data-original-width=\"700\" data-original-height=\"233\" > <div class=\"gallery-group\" style=\"width: 233px; height: 233px;\" data-original-width=\"233\" data-original-height=\"233\" > <div class=\"tiled-gallery-item \" itemprop=\"associatedMedia\" itemscope itemtype=\"http:\/\/schema.org\/ImageObject\"> <a href=\"https:\/\/itayachtscanada.com\/fr\/listing\/ferretti-850-flybridge-2018-3750000-usd-for-sale\/capture-decran-le-2025-10-23-a-16-15-48\/\" border=\"0\" itemprop=\"url\"> <meta itemprop=\"width\" content=\"229\"> <meta itemprop=\"height\" content=\"229\"> <img decoding=\"async\" class=\"\" data-attachment-id=\"292156\" data-orig-file=\"https:\/\/itayachtscanada.com\/wp-content\/uploads\/2025\/10\/Capture-decran-le-2025-10-23-a-16.15.48.jpg\" data-orig-size=\"1404,938\" data-comments-opened=\"1\" data-image-meta=\"{&quot;aperture&quot;:&quot;0&quot;,&quot;credit&quot;:&quot;&quot;,&quot;camera&quot;:&quot;&quot;,&quot;caption&quot;:&quot;&quot;,&quot;created_timestamp&quot;:&quot;0&quot;,&quot;copyright&quot;:&quot;&quot;,&quot;focal_length&quot;:&quot;0&quot;,&quot;iso&quot;:&quot;0&quot;,&quot;shutter_speed&quot;:&quot;0&quot;,&quot;title&quot;:&quot;&quot;,&quot;orientation&quot;:&quot;0&quot;}\" data-image-title=\"Capture d\u2019e\u0301cran, le 2025-10-23 a\u0300 16.15.48\" data-image-description=\"\" data-medium-file=\"https:\/\/i0.wp.com\/itayachtscanada.com\/wp-content\/uploads\/2025\/10\/Capture-decran-le-2025-10-23-a-16.15.48.jpg?fit=300%2C200&#038;ssl=1\" data-large-file=\"https:\/\/i0.wp.com\/itayachtscanada.com\/wp-content\/uploads\/2025\/10\/Capture-decran-le-2025-10-23-a-16.15.48.jpg?fit=700%2C468&#038;ssl=1\" src=\"https:\/\/i0.wp.com\/itayachtscanada.com\/wp-content\/uploads\/2025\/10\/Capture-decran-le-2025-10-23-a-16.15.48.jpg?w=229&#038;h=229&#038;crop=1&#038;ssl=1\" srcset=\"https:\/\/i0.wp.com\/itayachtscanada.com\/wp-content\/uploads\/2025\/10\/Capture-decran-le-2025-10-23-a-16.15.48.jpg?resize=150%2C150&amp;ssl=1 150w, https:\/\/i0.wp.com\/itayachtscanada.com\/wp-content\/uploads\/2025\/10\/Capture-decran-le-2025-10-23-a-16.15.48.jpg?resize=60%2C60&amp;ssl=1 60w, https:\/\/i0.wp.com\/itayachtscanada.com\/wp-content\/uploads\/2025\/10\/Capture-decran-le-2025-10-23-a-16.15.48.jpg?resize=80%2C80&amp;ssl=1 80w, https:\/\/i0.wp.com\/itayachtscanada.com\/wp-content\/uploads\/2025\/10\/Capture-decran-le-2025-10-23-a-16.15.48.jpg?resize=100%2C100&amp;ssl=1 100w, https:\/\/i0.wp.com\/itayachtscanada.com\/wp-content\/uploads\/2025\/10\/Capture-decran-le-2025-10-23-a-16.15.48.jpg?resize=50%2C50&amp;ssl=1 50w, https:\/\/i0.wp.com\/itayachtscanada.com\/wp-content\/uploads\/2025\/10\/Capture-decran-le-2025-10-23-a-16.15.48.jpg?zoom=2&amp;resize=229%2C229&amp;ssl=1 458w, https:\/\/i0.wp.com\/itayachtscanada.com\/wp-content\/uploads\/2025\/10\/Capture-decran-le-2025-10-23-a-16.15.48.jpg?zoom=3&amp;resize=229%2C229&amp;ssl=1 687w\" width=\"229\" height=\"229\" loading=\"lazy\" data-original-width=\"229\" data-original-height=\"229\" itemprop=\"http:\/\/schema.org\/image\" title=\"Capture d\u2019e\u0301cran, le 2025-10-23 a\u0300 16.15.48\" alt=\"Capture d\u2019e\u0301cran, le 2025-10-23 a\u0300 16.15.48\" style=\"width: 229px; height: 229px;\" \/> <\/a> <\/div> <\/div> <div class=\"gallery-group\" style=\"width: 233px; height: 233px;\" data-original-width=\"233\" data-original-height=\"233\" > <div class=\"tiled-gallery-item \" itemprop=\"associatedMedia\" itemscope itemtype=\"http:\/\/schema.org\/ImageObject\"> <a href=\"https:\/\/itayachtscanada.com\/fr\/listing\/ferretti-850-flybridge-2018-3750000-usd-for-sale\/capture-decran-le-2025-10-23-a-16-15-45\/\" border=\"0\" itemprop=\"url\"> <meta itemprop=\"width\" content=\"229\"> <meta itemprop=\"height\" content=\"229\"> <img decoding=\"async\" class=\"\" data-attachment-id=\"292157\" data-orig-file=\"https:\/\/itayachtscanada.com\/wp-content\/uploads\/2025\/10\/Capture-decran-le-2025-10-23-a-16.15.45.jpg\" data-orig-size=\"1404,938\" data-comments-opened=\"1\" data-image-meta=\"{&quot;aperture&quot;:&quot;0&quot;,&quot;credit&quot;:&quot;&quot;,&quot;camera&quot;:&quot;&quot;,&quot;caption&quot;:&quot;&quot;,&quot;created_timestamp&quot;:&quot;0&quot;,&quot;copyright&quot;:&quot;&quot;,&quot;focal_length&quot;:&quot;0&quot;,&quot;iso&quot;:&quot;0&quot;,&quot;shutter_speed&quot;:&quot;0&quot;,&quot;title&quot;:&quot;&quot;,&quot;orientation&quot;:&quot;0&quot;}\" data-image-title=\"Capture d\u2019e\u0301cran, le 2025-10-23 a\u0300 16.15.45\" data-image-description=\"\" data-medium-file=\"https:\/\/i0.wp.com\/itayachtscanada.com\/wp-content\/uploads\/2025\/10\/Capture-decran-le-2025-10-23-a-16.15.45.jpg?fit=300%2C200&#038;ssl=1\" data-large-file=\"https:\/\/i0.wp.com\/itayachtscanada.com\/wp-content\/uploads\/2025\/10\/Capture-decran-le-2025-10-23-a-16.15.45.jpg?fit=700%2C468&#038;ssl=1\" src=\"https:\/\/i0.wp.com\/itayachtscanada.com\/wp-content\/uploads\/2025\/10\/Capture-decran-le-2025-10-23-a-16.15.45.jpg?w=229&#038;h=229&#038;crop=1&#038;ssl=1\" srcset=\"https:\/\/i0.wp.com\/itayachtscanada.com\/wp-content\/uploads\/2025\/10\/Capture-decran-le-2025-10-23-a-16.15.45.jpg?resize=150%2C150&amp;ssl=1 150w, https:\/\/i0.wp.com\/itayachtscanada.com\/wp-content\/uploads\/2025\/10\/Capture-decran-le-2025-10-23-a-16.15.45.jpg?resize=60%2C60&amp;ssl=1 60w, https:\/\/i0.wp.com\/itayachtscanada.com\/wp-content\/uploads\/2025\/10\/Capture-decran-le-2025-10-23-a-16.15.45.jpg?resize=80%2C80&amp;ssl=1 80w, https:\/\/i0.wp.com\/itayachtscanada.com\/wp-content\/uploads\/2025\/10\/Capture-decran-le-2025-10-23-a-16.15.45.jpg?resize=100%2C100&amp;ssl=1 100w, https:\/\/i0.wp.com\/itayachtscanada.com\/wp-content\/uploads\/2025\/10\/Capture-decran-le-2025-10-23-a-16.15.45.jpg?resize=50%2C50&amp;ssl=1 50w, https:\/\/i0.wp.com\/itayachtscanada.com\/wp-content\/uploads\/2025\/10\/Capture-decran-le-2025-10-23-a-16.15.45.jpg?zoom=2&amp;resize=229%2C229&amp;ssl=1 458w, https:\/\/i0.wp.com\/itayachtscanada.com\/wp-content\/uploads\/2025\/10\/Capture-decran-le-2025-10-23-a-16.15.45.jpg?zoom=3&amp;resize=229%2C229&amp;ssl=1 687w\" width=\"229\" height=\"229\" loading=\"lazy\" data-original-width=\"229\" data-original-height=\"229\" itemprop=\"http:\/\/schema.org\/image\" title=\"Capture d\u2019e\u0301cran, le 2025-10-23 a\u0300 16.15.45\" alt=\"Capture d\u2019e\u0301cran, le 2025-10-23 a\u0300 16.15.45\" style=\"width: 229px; height: 229px;\" \/> <\/a> <\/div> <\/div> <div class=\"gallery-group\" style=\"width: 233px; height: 233px;\" data-original-width=\"233\" data-original-height=\"233\" > <div class=\"tiled-gallery-item \" itemprop=\"associatedMedia\" itemscope itemtype=\"http:\/\/schema.org\/ImageObject\"> <a href=\"https:\/\/itayachtscanada.com\/fr\/listing\/ferretti-850-flybridge-2018-3750000-usd-for-sale\/capture-decran-le-2025-10-23-a-16-15-41\/\" border=\"0\" itemprop=\"url\"> <meta itemprop=\"width\" content=\"229\"> <meta itemprop=\"height\" content=\"229\"> <img decoding=\"async\" class=\"\" data-attachment-id=\"292158\" data-orig-file=\"https:\/\/itayachtscanada.com\/wp-content\/uploads\/2025\/10\/Capture-decran-le-2025-10-23-a-16.15.41.jpg\" data-orig-size=\"1404,938\" data-comments-opened=\"1\" data-image-meta=\"{&quot;aperture&quot;:&quot;0&quot;,&quot;credit&quot;:&quot;&quot;,&quot;camera&quot;:&quot;&quot;,&quot;caption&quot;:&quot;&quot;,&quot;created_timestamp&quot;:&quot;0&quot;,&quot;copyright&quot;:&quot;&quot;,&quot;focal_length&quot;:&quot;0&quot;,&quot;iso&quot;:&quot;0&quot;,&quot;shutter_speed&quot;:&quot;0&quot;,&quot;title&quot;:&quot;&quot;,&quot;orientation&quot;:&quot;0&quot;}\" data-image-title=\"Capture d\u2019e\u0301cran, le 2025-10-23 a\u0300 16.15.41\" data-image-description=\"\" data-medium-file=\"https:\/\/i0.wp.com\/itayachtscanada.com\/wp-content\/uploads\/2025\/10\/Capture-decran-le-2025-10-23-a-16.15.41.jpg?fit=300%2C200&#038;ssl=1\" data-large-file=\"https:\/\/i0.wp.com\/itayachtscanada.com\/wp-content\/uploads\/2025\/10\/Capture-decran-le-2025-10-23-a-16.15.41.jpg?fit=700%2C468&#038;ssl=1\" src=\"https:\/\/i0.wp.com\/itayachtscanada.com\/wp-content\/uploads\/2025\/10\/Capture-decran-le-2025-10-23-a-16.15.41.jpg?w=229&#038;h=229&#038;crop=1&#038;ssl=1\" srcset=\"https:\/\/i0.wp.com\/itayachtscanada.com\/wp-content\/uploads\/2025\/10\/Capture-decran-le-2025-10-23-a-16.15.41.jpg?resize=150%2C150&amp;ssl=1 150w, https:\/\/i0.wp.com\/itayachtscanada.com\/wp-content\/uploads\/2025\/10\/Capture-decran-le-2025-10-23-a-16.15.41.jpg?resize=60%2C60&amp;ssl=1 60w, https:\/\/i0.wp.com\/itayachtscanada.com\/wp-content\/uploads\/2025\/10\/Capture-decran-le-2025-10-23-a-16.15.41.jpg?resize=80%2C80&amp;ssl=1 80w, https:\/\/i0.wp.com\/itayachtscanada.com\/wp-content\/uploads\/2025\/10\/Capture-decran-le-2025-10-23-a-16.15.41.jpg?resize=100%2C100&amp;ssl=1 100w, https:\/\/i0.wp.com\/itayachtscanada.com\/wp-content\/uploads\/2025\/10\/Capture-decran-le-2025-10-23-a-16.15.41.jpg?resize=50%2C50&amp;ssl=1 50w, https:\/\/i0.wp.com\/itayachtscanada.com\/wp-content\/uploads\/2025\/10\/Capture-decran-le-2025-10-23-a-16.15.41.jpg?zoom=2&amp;resize=229%2C229&amp;ssl=1 458w, https:\/\/i0.wp.com\/itayachtscanada.com\/wp-content\/uploads\/2025\/10\/Capture-decran-le-2025-10-23-a-16.15.41.jpg?zoom=3&amp;resize=229%2C229&amp;ssl=1 687w\" width=\"229\" height=\"229\" loading=\"lazy\" data-original-width=\"229\" data-original-height=\"229\" itemprop=\"http:\/\/schema.org\/image\" title=\"Capture d\u2019e\u0301cran, le 2025-10-23 a\u0300 16.15.41\" alt=\"Capture d\u2019e\u0301cran, le 2025-10-23 a\u0300 16.15.41\" style=\"width: 229px; height: 229px;\" \/> <\/a> <\/div> <\/div> <\/div> <div class=\"gallery-row\" style=\"width: 700px; height: 233px;\" data-original-width=\"700\" data-original-height=\"233\" > <div class=\"gallery-group\" style=\"width: 233px; height: 233px;\" data-original-width=\"233\" data-original-height=\"233\" > <div class=\"tiled-gallery-item \" itemprop=\"associatedMedia\" itemscope itemtype=\"http:\/\/schema.org\/ImageObject\"> <a href=\"https:\/\/itayachtscanada.com\/fr\/listing\/ferretti-850-flybridge-2018-3750000-usd-for-sale\/capture-decran-le-2025-10-23-a-16-15-38\/\" border=\"0\" itemprop=\"url\"> <meta itemprop=\"width\" content=\"229\"> <meta itemprop=\"height\" content=\"229\"> <img decoding=\"async\" class=\"\" data-attachment-id=\"292159\" data-orig-file=\"https:\/\/itayachtscanada.com\/wp-content\/uploads\/2025\/10\/Capture-decran-le-2025-10-23-a-16.15.38.jpg\" data-orig-size=\"1404,938\" data-comments-opened=\"1\" data-image-meta=\"{&quot;aperture&quot;:&quot;0&quot;,&quot;credit&quot;:&quot;&quot;,&quot;camera&quot;:&quot;&quot;,&quot;caption&quot;:&quot;&quot;,&quot;created_timestamp&quot;:&quot;0&quot;,&quot;copyright&quot;:&quot;&quot;,&quot;focal_length&quot;:&quot;0&quot;,&quot;iso&quot;:&quot;0&quot;,&quot;shutter_speed&quot;:&quot;0&quot;,&quot;title&quot;:&quot;&quot;,&quot;orientation&quot;:&quot;0&quot;}\" data-image-title=\"Capture d\u2019e\u0301cran, le 2025-10-23 a\u0300 16.15.38\" data-image-description=\"\" data-medium-file=\"https:\/\/i0.wp.com\/itayachtscanada.com\/wp-content\/uploads\/2025\/10\/Capture-decran-le-2025-10-23-a-16.15.38.jpg?fit=300%2C200&#038;ssl=1\" data-large-file=\"https:\/\/i0.wp.com\/itayachtscanada.com\/wp-content\/uploads\/2025\/10\/Capture-decran-le-2025-10-23-a-16.15.38.jpg?fit=700%2C468&#038;ssl=1\" src=\"https:\/\/i0.wp.com\/itayachtscanada.com\/wp-content\/uploads\/2025\/10\/Capture-decran-le-2025-10-23-a-16.15.38.jpg?w=229&#038;h=229&#038;crop=1&#038;ssl=1\" srcset=\"https:\/\/i0.wp.com\/itayachtscanada.com\/wp-content\/uploads\/2025\/10\/Capture-decran-le-2025-10-23-a-16.15.38.jpg?resize=150%2C150&amp;ssl=1 150w, https:\/\/i0.wp.com\/itayachtscanada.com\/wp-content\/uploads\/2025\/10\/Capture-decran-le-2025-10-23-a-16.15.38.jpg?resize=60%2C60&amp;ssl=1 60w, https:\/\/i0.wp.com\/itayachtscanada.com\/wp-content\/uploads\/2025\/10\/Capture-decran-le-2025-10-23-a-16.15.38.jpg?resize=80%2C80&amp;ssl=1 80w, https:\/\/i0.wp.com\/itayachtscanada.com\/wp-content\/uploads\/2025\/10\/Capture-decran-le-2025-10-23-a-16.15.38.jpg?resize=100%2C100&amp;ssl=1 100w, https:\/\/i0.wp.com\/itayachtscanada.com\/wp-content\/uploads\/2025\/10\/Capture-decran-le-2025-10-23-a-16.15.38.jpg?resize=50%2C50&amp;ssl=1 50w, https:\/\/i0.wp.com\/itayachtscanada.com\/wp-content\/uploads\/2025\/10\/Capture-decran-le-2025-10-23-a-16.15.38.jpg?zoom=2&amp;resize=229%2C229&amp;ssl=1 458w, https:\/\/i0.wp.com\/itayachtscanada.com\/wp-content\/uploads\/2025\/10\/Capture-decran-le-2025-10-23-a-16.15.38.jpg?zoom=3&amp;resize=229%2C229&amp;ssl=1 687w\" width=\"229\" height=\"229\" loading=\"lazy\" data-original-width=\"229\" data-original-height=\"229\" itemprop=\"http:\/\/schema.org\/image\" title=\"Capture d\u2019e\u0301cran, le 2025-10-23 a\u0300 16.15.38\" alt=\"Capture d\u2019e\u0301cran, le 2025-10-23 a\u0300 16.15.38\" style=\"width: 229px; height: 229px;\" \/> <\/a> <\/div> <\/div> <div class=\"gallery-group\" style=\"width: 233px; height: 233px;\" data-original-width=\"233\" data-original-height=\"233\" > <div class=\"tiled-gallery-item \" itemprop=\"associatedMedia\" itemscope itemtype=\"http:\/\/schema.org\/ImageObject\"> <a href=\"https:\/\/itayachtscanada.com\/fr\/listing\/ferretti-850-flybridge-2018-3750000-usd-for-sale\/capture-decran-le-2025-10-23-a-16-15-35\/\" border=\"0\" itemprop=\"url\"> <meta itemprop=\"width\" content=\"229\"> <meta itemprop=\"height\" content=\"229\"> <img decoding=\"async\" class=\"\" data-attachment-id=\"292160\" data-orig-file=\"https:\/\/itayachtscanada.com\/wp-content\/uploads\/2025\/10\/Capture-decran-le-2025-10-23-a-16.15.35.jpg\" data-orig-size=\"1404,938\" data-comments-opened=\"1\" data-image-meta=\"{&quot;aperture&quot;:&quot;0&quot;,&quot;credit&quot;:&quot;&quot;,&quot;camera&quot;:&quot;&quot;,&quot;caption&quot;:&quot;&quot;,&quot;created_timestamp&quot;:&quot;0&quot;,&quot;copyright&quot;:&quot;&quot;,&quot;focal_length&quot;:&quot;0&quot;,&quot;iso&quot;:&quot;0&quot;,&quot;shutter_speed&quot;:&quot;0&quot;,&quot;title&quot;:&quot;&quot;,&quot;orientation&quot;:&quot;0&quot;}\" data-image-title=\"Capture d\u2019e\u0301cran, le 2025-10-23 a\u0300 16.15.35\" data-image-description=\"\" data-medium-file=\"https:\/\/i0.wp.com\/itayachtscanada.com\/wp-content\/uploads\/2025\/10\/Capture-decran-le-2025-10-23-a-16.15.35.jpg?fit=300%2C200&#038;ssl=1\" data-large-file=\"https:\/\/i0.wp.com\/itayachtscanada.com\/wp-content\/uploads\/2025\/10\/Capture-decran-le-2025-10-23-a-16.15.35.jpg?fit=700%2C468&#038;ssl=1\" src=\"https:\/\/i0.wp.com\/itayachtscanada.com\/wp-content\/uploads\/2025\/10\/Capture-decran-le-2025-10-23-a-16.15.35.jpg?w=229&#038;h=229&#038;crop=1&#038;ssl=1\" srcset=\"https:\/\/i0.wp.com\/itayachtscanada.com\/wp-content\/uploads\/2025\/10\/Capture-decran-le-2025-10-23-a-16.15.35.jpg?resize=150%2C150&amp;ssl=1 150w, https:\/\/i0.wp.com\/itayachtscanada.com\/wp-content\/uploads\/2025\/10\/Capture-decran-le-2025-10-23-a-16.15.35.jpg?resize=60%2C60&amp;ssl=1 60w, https:\/\/i0.wp.com\/itayachtscanada.com\/wp-content\/uploads\/2025\/10\/Capture-decran-le-2025-10-23-a-16.15.35.jpg?resize=80%2C80&amp;ssl=1 80w, https:\/\/i0.wp.com\/itayachtscanada.com\/wp-content\/uploads\/2025\/10\/Capture-decran-le-2025-10-23-a-16.15.35.jpg?resize=100%2C100&amp;ssl=1 100w, https:\/\/i0.wp.com\/itayachtscanada.com\/wp-content\/uploads\/2025\/10\/Capture-decran-le-2025-10-23-a-16.15.35.jpg?resize=50%2C50&amp;ssl=1 50w, https:\/\/i0.wp.com\/itayachtscanada.com\/wp-content\/uploads\/2025\/10\/Capture-decran-le-2025-10-23-a-16.15.35.jpg?zoom=2&amp;resize=229%2C229&amp;ssl=1 458w, https:\/\/i0.wp.com\/itayachtscanada.com\/wp-content\/uploads\/2025\/10\/Capture-decran-le-2025-10-23-a-16.15.35.jpg?zoom=3&amp;resize=229%2C229&amp;ssl=1 687w\" width=\"229\" height=\"229\" loading=\"lazy\" data-original-width=\"229\" data-original-height=\"229\" itemprop=\"http:\/\/schema.org\/image\" title=\"Capture d\u2019e\u0301cran, le 2025-10-23 a\u0300 16.15.35\" alt=\"Capture d\u2019e\u0301cran, le 2025-10-23 a\u0300 16.15.35\" style=\"width: 229px; height: 229px;\" \/> <\/a> <\/div> <\/div> <div class=\"gallery-group\" style=\"width: 233px; height: 233px;\" data-original-width=\"233\" data-original-height=\"233\" > <div class=\"tiled-gallery-item \" itemprop=\"associatedMedia\" itemscope itemtype=\"http:\/\/schema.org\/ImageObject\"> <a href=\"https:\/\/itayachtscanada.com\/fr\/listing\/ferretti-850-flybridge-2018-3750000-usd-for-sale\/capture-decran-le-2025-10-23-a-16-15-17\/\" border=\"0\" itemprop=\"url\"> <meta itemprop=\"width\" content=\"229\"> <meta itemprop=\"height\" content=\"229\"> <img decoding=\"async\" class=\"\" data-attachment-id=\"292161\" data-orig-file=\"https:\/\/itayachtscanada.com\/wp-content\/uploads\/2025\/10\/Capture-decran-le-2025-10-23-a-16.15.17.jpg\" data-orig-size=\"1404,938\" data-comments-opened=\"1\" data-image-meta=\"{&quot;aperture&quot;:&quot;0&quot;,&quot;credit&quot;:&quot;&quot;,&quot;camera&quot;:&quot;&quot;,&quot;caption&quot;:&quot;&quot;,&quot;created_timestamp&quot;:&quot;0&quot;,&quot;copyright&quot;:&quot;&quot;,&quot;focal_length&quot;:&quot;0&quot;,&quot;iso&quot;:&quot;0&quot;,&quot;shutter_speed&quot;:&quot;0&quot;,&quot;title&quot;:&quot;&quot;,&quot;orientation&quot;:&quot;0&quot;}\" data-image-title=\"Capture d\u2019e\u0301cran, le 2025-10-23 a\u0300 16.15.17\" data-image-description=\"\" data-medium-file=\"https:\/\/i0.wp.com\/itayachtscanada.com\/wp-content\/uploads\/2025\/10\/Capture-decran-le-2025-10-23-a-16.15.17.jpg?fit=300%2C200&#038;ssl=1\" data-large-file=\"https:\/\/i0.wp.com\/itayachtscanada.com\/wp-content\/uploads\/2025\/10\/Capture-decran-le-2025-10-23-a-16.15.17.jpg?fit=700%2C468&#038;ssl=1\" src=\"https:\/\/i0.wp.com\/itayachtscanada.com\/wp-content\/uploads\/2025\/10\/Capture-decran-le-2025-10-23-a-16.15.17.jpg?w=229&#038;h=229&#038;crop=1&#038;ssl=1\" srcset=\"https:\/\/i0.wp.com\/itayachtscanada.com\/wp-content\/uploads\/2025\/10\/Capture-decran-le-2025-10-23-a-16.15.17.jpg?resize=150%2C150&amp;ssl=1 150w, https:\/\/i0.wp.com\/itayachtscanada.com\/wp-content\/uploads\/2025\/10\/Capture-decran-le-2025-10-23-a-16.15.17.jpg?resize=60%2C60&amp;ssl=1 60w, https:\/\/i0.wp.com\/itayachtscanada.com\/wp-content\/uploads\/2025\/10\/Capture-decran-le-2025-10-23-a-16.15.17.jpg?resize=80%2C80&amp;ssl=1 80w, https:\/\/i0.wp.com\/itayachtscanada.com\/wp-content\/uploads\/2025\/10\/Capture-decran-le-2025-10-23-a-16.15.17.jpg?resize=100%2C100&amp;ssl=1 100w, https:\/\/i0.wp.com\/itayachtscanada.com\/wp-content\/uploads\/2025\/10\/Capture-decran-le-2025-10-23-a-16.15.17.jpg?resize=50%2C50&amp;ssl=1 50w, https:\/\/i0.wp.com\/itayachtscanada.com\/wp-content\/uploads\/2025\/10\/Capture-decran-le-2025-10-23-a-16.15.17.jpg?zoom=2&amp;resize=229%2C229&amp;ssl=1 458w, https:\/\/i0.wp.com\/itayachtscanada.com\/wp-content\/uploads\/2025\/10\/Capture-decran-le-2025-10-23-a-16.15.17.jpg?zoom=3&amp;resize=229%2C229&amp;ssl=1 687w\" width=\"229\" height=\"229\" loading=\"lazy\" data-original-width=\"229\" data-original-height=\"229\" itemprop=\"http:\/\/schema.org\/image\" title=\"Capture d\u2019e\u0301cran, le 2025-10-23 a\u0300 16.15.17\" alt=\"Capture d\u2019e\u0301cran, le 2025-10-23 a\u0300 16.15.17\" style=\"width: 229px; height: 229px;\" \/> <\/a> <\/div> <\/div> <\/div> <div class=\"gallery-row\" style=\"width: 700px; height: 233px;\" data-original-width=\"700\" data-original-height=\"233\" > <div class=\"gallery-group\" style=\"width: 233px; height: 233px;\" data-original-width=\"233\" data-original-height=\"233\" > <div class=\"tiled-gallery-item \" itemprop=\"associatedMedia\" itemscope itemtype=\"http:\/\/schema.org\/ImageObject\"> <a href=\"https:\/\/itayachtscanada.com\/fr\/listing\/ferretti-850-flybridge-2018-3750000-usd-for-sale\/capture-decran-le-2025-10-23-a-16-15-14\/\" border=\"0\" itemprop=\"url\"> <meta itemprop=\"width\" content=\"229\"> <meta itemprop=\"height\" content=\"229\"> <img decoding=\"async\" class=\"\" data-attachment-id=\"292162\" data-orig-file=\"https:\/\/itayachtscanada.com\/wp-content\/uploads\/2025\/10\/Capture-decran-le-2025-10-23-a-16.15.14.jpg\" data-orig-size=\"1404,938\" data-comments-opened=\"1\" data-image-meta=\"{&quot;aperture&quot;:&quot;0&quot;,&quot;credit&quot;:&quot;&quot;,&quot;camera&quot;:&quot;&quot;,&quot;caption&quot;:&quot;&quot;,&quot;created_timestamp&quot;:&quot;0&quot;,&quot;copyright&quot;:&quot;&quot;,&quot;focal_length&quot;:&quot;0&quot;,&quot;iso&quot;:&quot;0&quot;,&quot;shutter_speed&quot;:&quot;0&quot;,&quot;title&quot;:&quot;&quot;,&quot;orientation&quot;:&quot;0&quot;}\" data-image-title=\"Capture d\u2019e\u0301cran, le 2025-10-23 a\u0300 16.15.14\" data-image-description=\"\" data-medium-file=\"https:\/\/i0.wp.com\/itayachtscanada.com\/wp-content\/uploads\/2025\/10\/Capture-decran-le-2025-10-23-a-16.15.14.jpg?fit=300%2C200&#038;ssl=1\" data-large-file=\"https:\/\/i0.wp.com\/itayachtscanada.com\/wp-content\/uploads\/2025\/10\/Capture-decran-le-2025-10-23-a-16.15.14.jpg?fit=700%2C468&#038;ssl=1\" src=\"https:\/\/i0.wp.com\/itayachtscanada.com\/wp-content\/uploads\/2025\/10\/Capture-decran-le-2025-10-23-a-16.15.14.jpg?w=229&#038;h=229&#038;crop=1&#038;ssl=1\" srcset=\"https:\/\/i0.wp.com\/itayachtscanada.com\/wp-content\/uploads\/2025\/10\/Capture-decran-le-2025-10-23-a-16.15.14.jpg?resize=150%2C150&amp;ssl=1 150w, https:\/\/i0.wp.com\/itayachtscanada.com\/wp-content\/uploads\/2025\/10\/Capture-decran-le-2025-10-23-a-16.15.14.jpg?resize=60%2C60&amp;ssl=1 60w, https:\/\/i0.wp.com\/itayachtscanada.com\/wp-content\/uploads\/2025\/10\/Capture-decran-le-2025-10-23-a-16.15.14.jpg?resize=80%2C80&amp;ssl=1 80w, https:\/\/i0.wp.com\/itayachtscanada.com\/wp-content\/uploads\/2025\/10\/Capture-decran-le-2025-10-23-a-16.15.14.jpg?resize=100%2C100&amp;ssl=1 100w, https:\/\/i0.wp.com\/itayachtscanada.com\/wp-content\/uploads\/2025\/10\/Capture-decran-le-2025-10-23-a-16.15.14.jpg?resize=50%2C50&amp;ssl=1 50w, https:\/\/i0.wp.com\/itayachtscanada.com\/wp-content\/uploads\/2025\/10\/Capture-decran-le-2025-10-23-a-16.15.14.jpg?zoom=2&amp;resize=229%2C229&amp;ssl=1 458w, https:\/\/i0.wp.com\/itayachtscanada.com\/wp-content\/uploads\/2025\/10\/Capture-decran-le-2025-10-23-a-16.15.14.jpg?zoom=3&amp;resize=229%2C229&amp;ssl=1 687w\" width=\"229\" height=\"229\" loading=\"lazy\" data-original-width=\"229\" data-original-height=\"229\" itemprop=\"http:\/\/schema.org\/image\" title=\"Capture d\u2019e\u0301cran, le 2025-10-23 a\u0300 16.15.14\" alt=\"Capture d\u2019e\u0301cran, le 2025-10-23 a\u0300 16.15.14\" style=\"width: 229px; height: 229px;\" \/> <\/a> <\/div> <\/div> <div class=\"gallery-group\" style=\"width: 233px; height: 233px;\" data-original-width=\"233\" data-original-height=\"233\" > <div class=\"tiled-gallery-item \" itemprop=\"associatedMedia\" itemscope itemtype=\"http:\/\/schema.org\/ImageObject\"> <a href=\"https:\/\/itayachtscanada.com\/fr\/listing\/ferretti-850-flybridge-2018-3750000-usd-for-sale\/capture-decran-le-2025-10-23-a-16-15-10\/\" border=\"0\" itemprop=\"url\"> <meta itemprop=\"width\" content=\"229\"> <meta itemprop=\"height\" content=\"229\"> <img decoding=\"async\" class=\"\" data-attachment-id=\"292163\" data-orig-file=\"https:\/\/itayachtscanada.com\/wp-content\/uploads\/2025\/10\/Capture-decran-le-2025-10-23-a-16.15.10.jpg\" data-orig-size=\"1404,938\" data-comments-opened=\"1\" data-image-meta=\"{&quot;aperture&quot;:&quot;0&quot;,&quot;credit&quot;:&quot;&quot;,&quot;camera&quot;:&quot;&quot;,&quot;caption&quot;:&quot;&quot;,&quot;created_timestamp&quot;:&quot;0&quot;,&quot;copyright&quot;:&quot;&quot;,&quot;focal_length&quot;:&quot;0&quot;,&quot;iso&quot;:&quot;0&quot;,&quot;shutter_speed&quot;:&quot;0&quot;,&quot;title&quot;:&quot;&quot;,&quot;orientation&quot;:&quot;0&quot;}\" data-image-title=\"Capture d\u2019e\u0301cran, le 2025-10-23 a\u0300 16.15.10\" data-image-description=\"\" data-medium-file=\"https:\/\/i0.wp.com\/itayachtscanada.com\/wp-content\/uploads\/2025\/10\/Capture-decran-le-2025-10-23-a-16.15.10.jpg?fit=300%2C200&#038;ssl=1\" data-large-file=\"https:\/\/i0.wp.com\/itayachtscanada.com\/wp-content\/uploads\/2025\/10\/Capture-decran-le-2025-10-23-a-16.15.10.jpg?fit=700%2C468&#038;ssl=1\" src=\"https:\/\/i0.wp.com\/itayachtscanada.com\/wp-content\/uploads\/2025\/10\/Capture-decran-le-2025-10-23-a-16.15.10.jpg?w=229&#038;h=229&#038;crop=1&#038;ssl=1\" srcset=\"https:\/\/i0.wp.com\/itayachtscanada.com\/wp-content\/uploads\/2025\/10\/Capture-decran-le-2025-10-23-a-16.15.10.jpg?resize=150%2C150&amp;ssl=1 150w, https:\/\/i0.wp.com\/itayachtscanada.com\/wp-content\/uploads\/2025\/10\/Capture-decran-le-2025-10-23-a-16.15.10.jpg?resize=60%2C60&amp;ssl=1 60w, https:\/\/i0.wp.com\/itayachtscanada.com\/wp-content\/uploads\/2025\/10\/Capture-decran-le-2025-10-23-a-16.15.10.jpg?resize=80%2C80&amp;ssl=1 80w, https:\/\/i0.wp.com\/itayachtscanada.com\/wp-content\/uploads\/2025\/10\/Capture-decran-le-2025-10-23-a-16.15.10.jpg?resize=100%2C100&amp;ssl=1 100w, https:\/\/i0.wp.com\/itayachtscanada.com\/wp-content\/uploads\/2025\/10\/Capture-decran-le-2025-10-23-a-16.15.10.jpg?resize=50%2C50&amp;ssl=1 50w, https:\/\/i0.wp.com\/itayachtscanada.com\/wp-content\/uploads\/2025\/10\/Capture-decran-le-2025-10-23-a-16.15.10.jpg?zoom=2&amp;resize=229%2C229&amp;ssl=1 458w, https:\/\/i0.wp.com\/itayachtscanada.com\/wp-content\/uploads\/2025\/10\/Capture-decran-le-2025-10-23-a-16.15.10.jpg?zoom=3&amp;resize=229%2C229&amp;ssl=1 687w\" width=\"229\" height=\"229\" loading=\"lazy\" data-original-width=\"229\" data-original-height=\"229\" itemprop=\"http:\/\/schema.org\/image\" title=\"Capture d\u2019e\u0301cran, le 2025-10-23 a\u0300 16.15.10\" alt=\"Capture d\u2019e\u0301cran, le 2025-10-23 a\u0300 16.15.10\" style=\"width: 229px; height: 229px;\" \/> <\/a> <\/div> <\/div> <div class=\"gallery-group\" style=\"width: 233px; height: 233px;\" data-original-width=\"233\" data-original-height=\"233\" > <div class=\"tiled-gallery-item \" itemprop=\"associatedMedia\" itemscope itemtype=\"http:\/\/schema.org\/ImageObject\"> <a href=\"https:\/\/itayachtscanada.com\/fr\/listing\/ferretti-850-flybridge-2018-3750000-usd-for-sale\/capture-decran-le-2025-10-23-a-16-15-07\/\" border=\"0\" itemprop=\"url\"> <meta itemprop=\"width\" content=\"229\"> <meta itemprop=\"height\" content=\"229\"> <img decoding=\"async\" class=\"\" data-attachment-id=\"292164\" data-orig-file=\"https:\/\/itayachtscanada.com\/wp-content\/uploads\/2025\/10\/Capture-decran-le-2025-10-23-a-16.15.07.jpg\" data-orig-size=\"1404,938\" data-comments-opened=\"1\" data-image-meta=\"{&quot;aperture&quot;:&quot;0&quot;,&quot;credit&quot;:&quot;&quot;,&quot;camera&quot;:&quot;&quot;,&quot;caption&quot;:&quot;&quot;,&quot;created_timestamp&quot;:&quot;0&quot;,&quot;copyright&quot;:&quot;&quot;,&quot;focal_length&quot;:&quot;0&quot;,&quot;iso&quot;:&quot;0&quot;,&quot;shutter_speed&quot;:&quot;0&quot;,&quot;title&quot;:&quot;&quot;,&quot;orientation&quot;:&quot;0&quot;}\" data-image-title=\"Capture d\u2019e\u0301cran, le 2025-10-23 a\u0300 16.15.07\" data-image-description=\"\" data-medium-file=\"https:\/\/i0.wp.com\/itayachtscanada.com\/wp-content\/uploads\/2025\/10\/Capture-decran-le-2025-10-23-a-16.15.07.jpg?fit=300%2C200&#038;ssl=1\" data-large-file=\"https:\/\/i0.wp.com\/itayachtscanada.com\/wp-content\/uploads\/2025\/10\/Capture-decran-le-2025-10-23-a-16.15.07.jpg?fit=700%2C468&#038;ssl=1\" src=\"https:\/\/i0.wp.com\/itayachtscanada.com\/wp-content\/uploads\/2025\/10\/Capture-decran-le-2025-10-23-a-16.15.07.jpg?w=229&#038;h=229&#038;crop=1&#038;ssl=1\" srcset=\"https:\/\/i0.wp.com\/itayachtscanada.com\/wp-content\/uploads\/2025\/10\/Capture-decran-le-2025-10-23-a-16.15.07.jpg?resize=150%2C150&amp;ssl=1 150w, https:\/\/i0.wp.com\/itayachtscanada.com\/wp-content\/uploads\/2025\/10\/Capture-decran-le-2025-10-23-a-16.15.07.jpg?resize=60%2C60&amp;ssl=1 60w, https:\/\/i0.wp.com\/itayachtscanada.com\/wp-content\/uploads\/2025\/10\/Capture-decran-le-2025-10-23-a-16.15.07.jpg?resize=80%2C80&amp;ssl=1 80w, https:\/\/i0.wp.com\/itayachtscanada.com\/wp-content\/uploads\/2025\/10\/Capture-decran-le-2025-10-23-a-16.15.07.jpg?resize=100%2C100&amp;ssl=1 100w, https:\/\/i0.wp.com\/itayachtscanada.com\/wp-content\/uploads\/2025\/10\/Capture-decran-le-2025-10-23-a-16.15.07.jpg?resize=50%2C50&amp;ssl=1 50w, https:\/\/i0.wp.com\/itayachtscanada.com\/wp-content\/uploads\/2025\/10\/Capture-decran-le-2025-10-23-a-16.15.07.jpg?zoom=2&amp;resize=229%2C229&amp;ssl=1 458w, https:\/\/i0.wp.com\/itayachtscanada.com\/wp-content\/uploads\/2025\/10\/Capture-decran-le-2025-10-23-a-16.15.07.jpg?zoom=3&amp;resize=229%2C229&amp;ssl=1 687w\" width=\"229\" height=\"229\" loading=\"lazy\" data-original-width=\"229\" data-original-height=\"229\" itemprop=\"http:\/\/schema.org\/image\" title=\"Capture d\u2019e\u0301cran, le 2025-10-23 a\u0300 16.15.07\" alt=\"Capture d\u2019e\u0301cran, le 2025-10-23 a\u0300 16.15.07\" style=\"width: 229px; height: 229px;\" \/> <\/a> <\/div> <\/div> <\/div> <div class=\"gallery-row\" style=\"width: 700px; height: 233px;\" data-original-width=\"700\" data-original-height=\"233\" > <div class=\"gallery-group\" style=\"width: 233px; height: 233px;\" data-original-width=\"233\" data-original-height=\"233\" > <div class=\"tiled-gallery-item \" itemprop=\"associatedMedia\" itemscope itemtype=\"http:\/\/schema.org\/ImageObject\"> <a href=\"https:\/\/itayachtscanada.com\/fr\/listing\/ferretti-850-flybridge-2018-3750000-usd-for-sale\/capture-decran-le-2025-10-23-a-16-15-03\/\" border=\"0\" itemprop=\"url\"> <meta itemprop=\"width\" content=\"229\"> <meta itemprop=\"height\" content=\"229\"> <img decoding=\"async\" class=\"\" data-attachment-id=\"292165\" data-orig-file=\"https:\/\/itayachtscanada.com\/wp-content\/uploads\/2025\/10\/Capture-decran-le-2025-10-23-a-16.15.03.jpg\" data-orig-size=\"1404,938\" data-comments-opened=\"1\" data-image-meta=\"{&quot;aperture&quot;:&quot;0&quot;,&quot;credit&quot;:&quot;&quot;,&quot;camera&quot;:&quot;&quot;,&quot;caption&quot;:&quot;&quot;,&quot;created_timestamp&quot;:&quot;0&quot;,&quot;copyright&quot;:&quot;&quot;,&quot;focal_length&quot;:&quot;0&quot;,&quot;iso&quot;:&quot;0&quot;,&quot;shutter_speed&quot;:&quot;0&quot;,&quot;title&quot;:&quot;&quot;,&quot;orientation&quot;:&quot;0&quot;}\" data-image-title=\"Capture d\u2019e\u0301cran, le 2025-10-23 a\u0300 16.15.03\" data-image-description=\"\" data-medium-file=\"https:\/\/i0.wp.com\/itayachtscanada.com\/wp-content\/uploads\/2025\/10\/Capture-decran-le-2025-10-23-a-16.15.03.jpg?fit=300%2C200&#038;ssl=1\" data-large-file=\"https:\/\/i0.wp.com\/itayachtscanada.com\/wp-content\/uploads\/2025\/10\/Capture-decran-le-2025-10-23-a-16.15.03.jpg?fit=700%2C468&#038;ssl=1\" src=\"https:\/\/i0.wp.com\/itayachtscanada.com\/wp-content\/uploads\/2025\/10\/Capture-decran-le-2025-10-23-a-16.15.03.jpg?w=229&#038;h=229&#038;crop=1&#038;ssl=1\" srcset=\"https:\/\/i0.wp.com\/itayachtscanada.com\/wp-content\/uploads\/2025\/10\/Capture-decran-le-2025-10-23-a-16.15.03.jpg?resize=150%2C150&amp;ssl=1 150w, https:\/\/i0.wp.com\/itayachtscanada.com\/wp-content\/uploads\/2025\/10\/Capture-decran-le-2025-10-23-a-16.15.03.jpg?resize=60%2C60&amp;ssl=1 60w, https:\/\/i0.wp.com\/itayachtscanada.com\/wp-content\/uploads\/2025\/10\/Capture-decran-le-2025-10-23-a-16.15.03.jpg?resize=80%2C80&amp;ssl=1 80w, https:\/\/i0.wp.com\/itayachtscanada.com\/wp-content\/uploads\/2025\/10\/Capture-decran-le-2025-10-23-a-16.15.03.jpg?resize=100%2C100&amp;ssl=1 100w, https:\/\/i0.wp.com\/itayachtscanada.com\/wp-content\/uploads\/2025\/10\/Capture-decran-le-2025-10-23-a-16.15.03.jpg?resize=50%2C50&amp;ssl=1 50w, https:\/\/i0.wp.com\/itayachtscanada.com\/wp-content\/uploads\/2025\/10\/Capture-decran-le-2025-10-23-a-16.15.03.jpg?zoom=2&amp;resize=229%2C229&amp;ssl=1 458w, https:\/\/i0.wp.com\/itayachtscanada.com\/wp-content\/uploads\/2025\/10\/Capture-decran-le-2025-10-23-a-16.15.03.jpg?zoom=3&amp;resize=229%2C229&amp;ssl=1 687w\" width=\"229\" height=\"229\" loading=\"lazy\" data-original-width=\"229\" data-original-height=\"229\" itemprop=\"http:\/\/schema.org\/image\" title=\"Capture d\u2019e\u0301cran, le 2025-10-23 a\u0300 16.15.03\" alt=\"Capture d\u2019e\u0301cran, le 2025-10-23 a\u0300 16.15.03\" style=\"width: 229px; height: 229px;\" \/> <\/a> <\/div> <\/div> <div class=\"gallery-group\" style=\"width: 233px; height: 233px;\" data-original-width=\"233\" data-original-height=\"233\" > <div class=\"tiled-gallery-item \" itemprop=\"associatedMedia\" itemscope itemtype=\"http:\/\/schema.org\/ImageObject\"> <a href=\"https:\/\/itayachtscanada.com\/fr\/listing\/ferretti-850-flybridge-2018-3750000-usd-for-sale\/capture-decran-le-2025-10-23-a-16-15-00\/\" border=\"0\" itemprop=\"url\"> <meta itemprop=\"width\" content=\"229\"> <meta itemprop=\"height\" content=\"229\"> <img decoding=\"async\" class=\"\" data-attachment-id=\"292166\" data-orig-file=\"https:\/\/itayachtscanada.com\/wp-content\/uploads\/2025\/10\/Capture-decran-le-2025-10-23-a-16.15.00.jpg\" data-orig-size=\"1404,938\" data-comments-opened=\"1\" data-image-meta=\"{&quot;aperture&quot;:&quot;0&quot;,&quot;credit&quot;:&quot;&quot;,&quot;camera&quot;:&quot;&quot;,&quot;caption&quot;:&quot;&quot;,&quot;created_timestamp&quot;:&quot;0&quot;,&quot;copyright&quot;:&quot;&quot;,&quot;focal_length&quot;:&quot;0&quot;,&quot;iso&quot;:&quot;0&quot;,&quot;shutter_speed&quot;:&quot;0&quot;,&quot;title&quot;:&quot;&quot;,&quot;orientation&quot;:&quot;0&quot;}\" data-image-title=\"Capture d\u2019e\u0301cran, le 2025-10-23 a\u0300 16.15.00\" data-image-description=\"\" data-medium-file=\"https:\/\/i0.wp.com\/itayachtscanada.com\/wp-content\/uploads\/2025\/10\/Capture-decran-le-2025-10-23-a-16.15.00.jpg?fit=300%2C200&#038;ssl=1\" data-large-file=\"https:\/\/i0.wp.com\/itayachtscanada.com\/wp-content\/uploads\/2025\/10\/Capture-decran-le-2025-10-23-a-16.15.00.jpg?fit=700%2C468&#038;ssl=1\" src=\"https:\/\/i0.wp.com\/itayachtscanada.com\/wp-content\/uploads\/2025\/10\/Capture-decran-le-2025-10-23-a-16.15.00.jpg?w=229&#038;h=229&#038;crop=1&#038;ssl=1\" srcset=\"https:\/\/i0.wp.com\/itayachtscanada.com\/wp-content\/uploads\/2025\/10\/Capture-decran-le-2025-10-23-a-16.15.00.jpg?resize=150%2C150&amp;ssl=1 150w, https:\/\/i0.wp.com\/itayachtscanada.com\/wp-content\/uploads\/2025\/10\/Capture-decran-le-2025-10-23-a-16.15.00.jpg?resize=60%2C60&amp;ssl=1 60w, https:\/\/i0.wp.com\/itayachtscanada.com\/wp-content\/uploads\/2025\/10\/Capture-decran-le-2025-10-23-a-16.15.00.jpg?resize=80%2C80&amp;ssl=1 80w, https:\/\/i0.wp.com\/itayachtscanada.com\/wp-content\/uploads\/2025\/10\/Capture-decran-le-2025-10-23-a-16.15.00.jpg?resize=100%2C100&amp;ssl=1 100w, https:\/\/i0.wp.com\/itayachtscanada.com\/wp-content\/uploads\/2025\/10\/Capture-decran-le-2025-10-23-a-16.15.00.jpg?resize=50%2C50&amp;ssl=1 50w, https:\/\/i0.wp.com\/itayachtscanada.com\/wp-content\/uploads\/2025\/10\/Capture-decran-le-2025-10-23-a-16.15.00.jpg?zoom=2&amp;resize=229%2C229&amp;ssl=1 458w, https:\/\/i0.wp.com\/itayachtscanada.com\/wp-content\/uploads\/2025\/10\/Capture-decran-le-2025-10-23-a-16.15.00.jpg?zoom=3&amp;resize=229%2C229&amp;ssl=1 687w\" width=\"229\" height=\"229\" loading=\"lazy\" data-original-width=\"229\" data-original-height=\"229\" itemprop=\"http:\/\/schema.org\/image\" title=\"Capture d\u2019e\u0301cran, le 2025-10-23 a\u0300 16.15.00\" alt=\"Capture d\u2019e\u0301cran, le 2025-10-23 a\u0300 16.15.00\" style=\"width: 229px; height: 229px;\" \/> <\/a> <\/div> <\/div> <div class=\"gallery-group\" style=\"width: 233px; height: 233px;\" data-original-width=\"233\" data-original-height=\"233\" > <div class=\"tiled-gallery-item \" itemprop=\"associatedMedia\" itemscope itemtype=\"http:\/\/schema.org\/ImageObject\"> <a href=\"https:\/\/itayachtscanada.com\/fr\/listing\/ferretti-850-flybridge-2018-3750000-usd-for-sale\/capture-decran-le-2025-10-23-a-16-14-50\/\" border=\"0\" itemprop=\"url\"> <meta itemprop=\"width\" content=\"229\"> <meta itemprop=\"height\" content=\"229\"> <img decoding=\"async\" class=\"\" data-attachment-id=\"292167\" data-orig-file=\"https:\/\/itayachtscanada.com\/wp-content\/uploads\/2025\/10\/Capture-decran-le-2025-10-23-a-16.14.50.jpg\" data-orig-size=\"1404,938\" data-comments-opened=\"1\" data-image-meta=\"{&quot;aperture&quot;:&quot;0&quot;,&quot;credit&quot;:&quot;&quot;,&quot;camera&quot;:&quot;&quot;,&quot;caption&quot;:&quot;&quot;,&quot;created_timestamp&quot;:&quot;0&quot;,&quot;copyright&quot;:&quot;&quot;,&quot;focal_length&quot;:&quot;0&quot;,&quot;iso&quot;:&quot;0&quot;,&quot;shutter_speed&quot;:&quot;0&quot;,&quot;title&quot;:&quot;&quot;,&quot;orientation&quot;:&quot;0&quot;}\" data-image-title=\"Capture d\u2019e\u0301cran, le 2025-10-23 a\u0300 16.14.50\" data-image-description=\"\" data-medium-file=\"https:\/\/i0.wp.com\/itayachtscanada.com\/wp-content\/uploads\/2025\/10\/Capture-decran-le-2025-10-23-a-16.14.50.jpg?fit=300%2C200&#038;ssl=1\" data-large-file=\"https:\/\/i0.wp.com\/itayachtscanada.com\/wp-content\/uploads\/2025\/10\/Capture-decran-le-2025-10-23-a-16.14.50.jpg?fit=700%2C468&#038;ssl=1\" src=\"https:\/\/i0.wp.com\/itayachtscanada.com\/wp-content\/uploads\/2025\/10\/Capture-decran-le-2025-10-23-a-16.14.50.jpg?w=229&#038;h=229&#038;crop=1&#038;ssl=1\" srcset=\"https:\/\/i0.wp.com\/itayachtscanada.com\/wp-content\/uploads\/2025\/10\/Capture-decran-le-2025-10-23-a-16.14.50.jpg?resize=150%2C150&amp;ssl=1 150w, https:\/\/i0.wp.com\/itayachtscanada.com\/wp-content\/uploads\/2025\/10\/Capture-decran-le-2025-10-23-a-16.14.50.jpg?resize=60%2C60&amp;ssl=1 60w, https:\/\/i0.wp.com\/itayachtscanada.com\/wp-content\/uploads\/2025\/10\/Capture-decran-le-2025-10-23-a-16.14.50.jpg?resize=80%2C80&amp;ssl=1 80w, https:\/\/i0.wp.com\/itayachtscanada.com\/wp-content\/uploads\/2025\/10\/Capture-decran-le-2025-10-23-a-16.14.50.jpg?resize=100%2C100&amp;ssl=1 100w, https:\/\/i0.wp.com\/itayachtscanada.com\/wp-content\/uploads\/2025\/10\/Capture-decran-le-2025-10-23-a-16.14.50.jpg?resize=50%2C50&amp;ssl=1 50w, https:\/\/i0.wp.com\/itayachtscanada.com\/wp-content\/uploads\/2025\/10\/Capture-decran-le-2025-10-23-a-16.14.50.jpg?zoom=2&amp;resize=229%2C229&amp;ssl=1 458w, https:\/\/i0.wp.com\/itayachtscanada.com\/wp-content\/uploads\/2025\/10\/Capture-decran-le-2025-10-23-a-16.14.50.jpg?zoom=3&amp;resize=229%2C229&amp;ssl=1 687w\" width=\"229\" height=\"229\" loading=\"lazy\" data-original-width=\"229\" data-original-height=\"229\" itemprop=\"http:\/\/schema.org\/image\" title=\"Capture d\u2019e\u0301cran, le 2025-10-23 a\u0300 16.14.50\" alt=\"Capture d\u2019e\u0301cran, le 2025-10-23 a\u0300 16.14.50\" style=\"width: 229px; height: 229px;\" \/> <\/a> <\/div> <\/div> <\/div> <\/div>\n<div class=\"jetpack-video-wrapper\"><span class=\"embed-youtube\" style=\"text-align:center; display: block;\"><iframe loading=\"lazy\" class=\"youtube-player\" width=\"700\" height=\"394\" src=\"https:\/\/www.youtube.com\/embed\/fwwSqJDoMGc?version=3&#038;rel=1&#038;showsearch=0&#038;showinfo=1&#038;iv_load_policy=1&#038;fs=1&#038;hl=fr-FR&#038;autohide=2&#038;wmode=transparent\" allowfullscreen=\"true\" style=\"border:0;\" sandbox=\"allow-scripts allow-same-origin allow-popups allow-presentation allow-popups-to-escape-sandbox\"><\/iframe><\/span><\/div>\n<div class=\"jetpack-video-wrapper\"><span class=\"embed-youtube\" style=\"text-align:center; display: block;\"><iframe loading=\"lazy\" class=\"youtube-player\" width=\"700\" height=\"394\" src=\"https:\/\/www.youtube.com\/embed\/j0eiCQwlQEc?version=3&#038;rel=1&#038;showsearch=0&#038;showinfo=1&#038;iv_load_policy=1&#038;fs=1&#038;hl=fr-FR&#038;autohide=2&#038;wmode=transparent\" allowfullscreen=\"true\" style=\"border:0;\" sandbox=\"allow-scripts allow-same-origin allow-popups allow-presentation allow-popups-to-escape-sandbox\"><\/iframe><\/span><\/div>\n<div class=\"jetpack-video-wrapper\"><span class=\"embed-youtube\" style=\"text-align:center; display: block;\"><iframe loading=\"lazy\" class=\"youtube-player\" width=\"700\" height=\"394\" src=\"https:\/\/www.youtube.com\/embed\/v_NliTAcKLE?version=3&#038;rel=1&#038;showsearch=0&#038;showinfo=1&#038;iv_load_policy=1&#038;fs=1&#038;hl=fr-FR&#038;autohide=2&#038;wmode=transparent\" allowfullscreen=\"true\" style=\"border:0;\" sandbox=\"allow-scripts allow-same-origin allow-popups allow-presentation allow-popups-to-escape-sandbox\"><\/iframe><\/span><\/div>\n<\/div>\n<div><\/div>\n<div><\/div>\n<div>\n<p><strong>Ita Yachts Canada propose de vous assister et de voir \u00e0 vos int\u00e9r\u00eats pour l\u2019achat de ce yacht qui est \u00e0 vendre par une autre organisation. Nous serons pr\u00e9sents lors de l\u2019inspection et tout au long de la transaction et ce peu importe sa localisation. L\u2019\u00e9quipe d\u2019Ita Yachts Canada se soumet au plus haut standard d\u2019\u00e9thique.<\/strong><\/p>\n<p>&nbsp;<\/p>\n<p>Liste des \u00e9quipements<\/p>\n<p>\u00c9QUIPEMENT STANDARD<\/p>\n<p>PONT PRINCIPAL<\/p>\n<p>Acc\u00e8s au flybridge par des marches en PRV et teck, main courante en acier inoxydable<br \/>\nAcc\u00e8s (2) \u00e0 la plate-forme arri\u00e8re par des marches en PRV et teck, main courante en acier inoxydable, portails en acier inoxydable et plexiglas (2)<br \/>\nAcc\u00e8s (2) \u00e0 la salle des machines (porte et \u00e9chelle en acier inoxydable et teck dans le support b\u00e2bord, trappe dans le cockpit)<br \/>\nGarage arri\u00e8re avec \u00e9clairage<br \/>\nMain courante arri\u00e8re avec taquets lat\u00e9raux (2)<br \/>\nPorte coulissante arri\u00e8re en verre tremp\u00e9 avec cadres en acier inoxydable<br \/>\n\u00c9cubiers (2) en acier inoxydable \u00e0 l&rsquo;avant<br \/>\nBalcon avant avec rails lat\u00e9raux<br \/>\nPropulseur d&rsquo;\u00e9trave (puissance hydraulique 30 ch)<br \/>\nAncres de type Bruce (50 kg et 30 kg) avec 2 cha\u00eenes<br \/>\nSi\u00e8ges de cockpit (4)<br \/>\nGuindeaux \u00e9lectriques (2 x 2700 W) avec commandes \u00e0 l&rsquo;avant, au poste de barre principal et au poste de barre du flybridge<br \/>\nTrappe de garage submersible \u00e9lectro-hydraulique, recouverte de teck \u00e0 l&rsquo;int\u00e9rieur<br \/>\nAlarme sonore externe pour le niveau d&rsquo;eau de cale \u00e0 l&rsquo;avant et \u00e0 l&rsquo;arri\u00e8re<br \/>\nGuindeaux \u00e9lectriques \u00e0 commande au pied (2 x 1500 W) dans les postes d&rsquo;amarrage<br \/>\nTrappes (2) vers le coqueron avant<br \/>\nMachine \u00e0 gla\u00e7ons dans le cockpit<br \/>\n\u00c9clairage indirect sur les ponts lat\u00e9raux et \u00e0 l&rsquo;avant<br \/>\n\u00c9clairage du cockpit<br \/>\n\u00c9clairage des passerelles<br \/>\nEspace de vie et de bronzage \u00e0 l&rsquo;avant avec canap\u00e9 avec rangements en dessous, table et rangements (2)<br \/>\nSupport pour amarres dans le coqueron avant<br \/>\nAmarres (72 m au total)<br \/>\nPostes d&rsquo;amarrage (2) avec couvercles en PRV, espace de rangement pour les amarres<br \/>\nTringle \u00e0 rideaux p\u00e9riph\u00e9rique pour les auvents (cockpit, ponts lat\u00e9raux)<br \/>\nStores noirs de protection pour les fen\u00eatres avant et lat\u00e9rales du poste de barre principal<\/p>\n<p>Poign\u00e9es dans la salle des machines (arr\u00eat du moteur et du g\u00e9n\u00e9rateur, arr\u00eat des ventilateurs (2), activation du syst\u00e8me d&rsquo;extinction d&rsquo;incendie)<br \/>\nChasse-marines \u00e0 rouleaux, arri\u00e8re (2), avant (3)<br \/>\nTuyau d&rsquo;incendie \u00e0 eau de mer et lavage \u00e0 la cha\u00eene<br \/>\nC\u00e2ble d&rsquo;amarrage (230 V, 15 m)<br \/>\nDouche avec eau douce chaude\/froide (\u00e0 l&rsquo;int\u00e9rieur des marches menant \u00e0 la plate-forme arri\u00e8re)<br \/>\nPortes de sortie lat\u00e9rales (2)<br \/>\n\u00c9vier avec eau douce chaude\/froide dans la station d&rsquo;amarrage<br \/>\nMat\u00e9riel de pont en acier inoxydable<br \/>\nTaquet d&rsquo;amarrage en acier inoxydable : \u00e0 l&rsquo;arri\u00e8re (4), au milieu du bateau (2 de chaque c\u00f4t\u00e9) et \u00e0 l&rsquo;avant (3)<br \/>\nBanquette arri\u00e8re avec canap\u00e9 et dossier repositionnable pour servir de bain de soleil<br \/>\nEspace de rangement dans le support tribord<br \/>\nCoussin de bain de soleil \u00e0 l&rsquo;avant avec coussins et 2 rangements<br \/>\nPlateforme arri\u00e8re en teck avec \u00e9chelle de bain escamotable \u00e9lectro-hydraulique<br \/>\nTable de cockpit en teck<br \/>\nPont et plancher de cockpit en teck<br \/>\nPasserelle t\u00e9lescopique en acier inoxydable et teck \u00e0 mouvement \u00e9lectro-hydraulique, avec t\u00e9l\u00e9commandes (2) et chandeliers automatiques<br \/>\nHaut-parleurs \u00e9tanches (2) dans le cockpit avec amplificateur et t\u00e9l\u00e9commande<\/p>\n<p>&nbsp;<\/p>\n<p>Salle \u00e0 manger<\/p>\n<p>Acc\u00e8s \u00e0 la cuisine (porte coulissante)<br \/>\nClimatisation<br \/>\n\u00c9tag\u00e8res (2)<br \/>\nChaises (8)<br \/>\nPlacard<br \/>\nTable \u00e0 manger<br \/>\nMoquette et rev\u00eatement insonorisant<br \/>\nRideaux standard sur les fen\u00eatres lat\u00e9rales<br \/>\nMarchepieds en bois vers le pont inf\u00e9rieur<\/p>\n<p>Salon<\/p>\n<p>Porte coulissante arri\u00e8re en verre tremp\u00e9 avec cadres en acier inoxydable<br \/>\nClimatisation<br \/>\nApple TV<br \/>\nBiblioth\u00e8que<br \/>\nArmoire avec \u00e9tag\u00e8res<br \/>\n\u00c9clairage de courtoisie au plafond<br \/>\nTiroir r\u00e9frig\u00e9rant 75 l 24 V<br \/>\nSyst\u00e8me hi-fi home cin\u00e9ma 5+1 avec lecteur Blu-ray et Apple TV<br \/>\nCoin salon (canap\u00e9, table basse)<br \/>\nRideaux standard sur la porte arri\u00e8re<br \/>\nRideaux standard sur les fen\u00eatres lat\u00e9rales<br \/>\nT\u00e9l\u00e9viseur LED 43 pouces ou \u00e9quivalent<br \/>\nToilettes de jour<br \/>\nWC \u00e9lectrique en c\u00e9ramique avec eau douce<br \/>\nVentilateur extracteur<br \/>\nMiroir<br \/>\nRideaux enroulables<br \/>\nLavabo<br \/>\nPanneau de commande des toilettes avec jauge (3\/4 et plein)<br \/>\nParquet<br \/>\nEntr\u00e9e de la cuisine<br \/>\nAcc\u00e8s \u00e0 la salle \u00e0 manger (porte coulissante)<br \/>\nTableau \u00e9lectrique<br \/>\nMoquette et rev\u00eatement insonorisant<br \/>\nPorte lat\u00e9rale manuelle<br \/>\nPorte coulissante vers la cuisine et marches en bois<br \/>\nMarches en bois avec main courante en acier inoxydable vers le poste de pilotage sur\u00e9lev\u00e9<\/p>\n<p>&nbsp;<\/p>\n<p>Cuisine<\/p>\n<p>Climatisation<br \/>\nArmoires avec \u00e9tag\u00e8res et tiroirs<br \/>\nMarchepieds recouverts de moquette menant \u00e0 la zone r\u00e9serv\u00e9e \u00e0 l&rsquo;\u00e9quipage<br \/>\nPlaque de cuisson en c\u00e9ramique<br \/>\nPlan de travail<br \/>\nCoin repas avec si\u00e8ges et table<br \/>\nLave-vaisselle<br \/>\nFour \u00e9lectrique\/micro-ondes combin\u00e9<br \/>\nHotte aspirante avec sortie ext\u00e9rieure (230 V)<br \/>\nR\u00e9frig\u00e9rateur (204 l) et cong\u00e9lateur (72 l 230 V, 24 V via onduleur)<br \/>\nArmoires suspendues avec \u00e9tag\u00e8res<br \/>\nFen\u00eatres lat\u00e9rales avec hublots ouvrants en acier inoxydable (2)<br \/>\nPorte coulissante vers le vestibule de la cuisine<br \/>\n\u00c9vier en acier inoxydable avec eau chaude\/froide<br \/>\nSol en vinyle imitation bois<\/p>\n<p>Poste de pilotage principal<\/p>\n<p>Climatisation<br \/>\nUnit\u00e9 de commande du pilote automatique<br \/>\nBarom\u00e8tre, horloge et hygrothermom\u00e8tre<br \/>\nPrise allume-cigare (12 V)<br \/>\nBanquette copilote<br \/>\nT\u00e9l\u00e9phone sans fil<br \/>\nDirection assist\u00e9e \u00e9lectrique\/hydraulique<br \/>\nCommandes \u00e9lectroniques pour l&#8217;embrayage et l&rsquo;acc\u00e9l\u00e9rateur du moteur avec fonctions Easy Dock et Auto Troll<br \/>\nCompteur de cha\u00eene \u00e9lectronique num\u00e9rique<br \/>\nSi\u00e8ge du barreur<br \/>\nBatterie parall\u00e8le instantan\u00e9e<br \/>\nManuel num\u00e9rique interactif sur iPad<br \/>\nCompas magn\u00e9tique<br \/>\nPoste de barre principal avec instrumentation compl\u00e8te<br \/>\nSyst\u00e8me de surveillance int\u00e9gr\u00e9 avec \u00e9cran tactile<br \/>\nRadar, traceur de cartes et GPS, fonction \u00e9chosondeur avec \u00e9cran LCD couleur et sondeur de profondeur<br \/>\nIndicateur d&rsquo;angle de barre<br \/>\nPorte lat\u00e9rale avec fen\u00eatre ouvrante<br \/>\nTableau synoptique avec alarmes visuelles et sonores<br \/>\nInterface t\u00e9l\u00e9phonique GSM\/Voix\/Fax<br \/>\nVHF<br \/>\nEssuie-glaces (2) avec minuterie<br \/>\nPlancher en bois<br \/>\nMarches en bois vers le vestibule de la cuisine<\/p>\n<p>&nbsp;<\/p>\n<p>FLYBRIDGE<\/p>\n<p>Acc\u00e8s au cockpit par des marches en PRV et teck, main courante en acier inoxydable.<br \/>\nPasserelle d&rsquo;acc\u00e8s au cockpit.<br \/>\n\u00c9clairage de courtoisie.<br \/>\nHousses pour le poste de pilotage, le si\u00e8ge du barreur et le canap\u00e9.<br \/>\nFeux de navigation diurnes sur le m\u00e2t.<br \/>\nM\u00e2t de pavillon.<br \/>\nBar enti\u00e8rement \u00e9quip\u00e9 (r\u00e9frig\u00e9rateur de 50 litres, rangements, plan de travail).<br \/>\nBar enti\u00e8rement \u00e9quip\u00e9 (\u00e9vier, rangements).<br \/>\nArceau radar en GRP<br \/>\nBou\u00e9e de sauvetage avec ligne de vie flottante et bou\u00e9e lumineuse<br \/>\nRadeaux de sauvetage pour 12 personnes (2) (6+6)<br \/>\n\u00c9clairage sur le flybridge<br \/>\nFeux de navigation<br \/>\nD\u00e9flecteur avant et lat\u00e9ral en plexiglas et acier inoxydable<br \/>\nProjecteur portable 12 V<br \/>\nGarde-corps<br \/>\nM\u00e2t de signalisation\/drapeau en acier inoxydable<br \/>\nTable<br \/>\nAntenne TV<br \/>\nAvertisseur sonore avec compresseur<br \/>\nHaut-parleurs \u00e9tanches (2)<\/p>\n<p>Poste de pilotage sur le flybridge<\/p>\n<p>Direction assist\u00e9e \u00e9lectrique\/hydraulique<br \/>\nCommandes \u00e9lectroniques pour l&#8217;embrayage et l&rsquo;acc\u00e9l\u00e9rateur du moteur avec fonctions Easy Dock et Auto Troll<br \/>\nCompteur de cha\u00eene \u00e9lectronique num\u00e9rique<br \/>\nBanquette de barre avec rangement<br \/>\nTableau de bord<br \/>\nMini cha\u00eene hi-fi \u00e9tanche avec Bluetooth<br \/>\nRadar, r\u00e9p\u00e9titeur de traceur de cartes avec \u00e9cran LCD couleur tactile avec GPS et pilote automatique<br \/>\nIndicateur d&rsquo;angle de barre<br \/>\nDeuxi\u00e8me poste de pilotage \u00e9quip\u00e9<br \/>\nd&rsquo;instruments et d&rsquo;alarmes<br \/>\nPrise (12 V)<br \/>\nVHF<\/p>\n<p>&nbsp;<\/p>\n<p>PONT INF\u00c9RIEUR<\/p>\n<p>Hall d&rsquo;entr\u00e9e<\/p>\n<p>Acc\u00e8s au pont principal (marches en bois et rampe en acier inoxydable)<br \/>\nMoquette int\u00e9grale<br \/>\nCabine principale<br \/>\nClimatisation<br \/>\nTables de chevet (2) avec tiroir<br \/>\nCoffre-fort num\u00e9rique<br \/>\nLit double avec matelas, oreillers et couvre-lit, rangement<br \/>\nTiroirs (2)<br \/>\nCoiffeuse avec commode, \u00e9tag\u00e8res, miroir et pouf<br \/>\nMoquette int\u00e9grale<br \/>\nSyst\u00e8me hi-fi Home Cinema (2+1) avec Airplay<br \/>\nHublots dans la coque (2) avec hublots lat\u00e9raux en acier inoxydable ouvrants (2) et couvercles enroulables (2)<br \/>\n\u00c9clairage indirect<br \/>\nMiroirs<br \/>\nVentilation naturelle sous le lit<br \/>\nLampes de lecture (2)<br \/>\nRideaux standard et occultants sur les fen\u00eatres lat\u00e9rales<br \/>\nTV LED 32&Prime; ou \u00e9quivalent<br \/>\nT\u00eate de lit rembourr\u00e9e<br \/>\nArmoire (tringle \u00e0 v\u00eatements)<br \/>\nSalle de bain principale<br \/>\nArmoires avec \u00e9tag\u00e8res<br \/>\nWC \u00e9lectrique en c\u00e9ramique<br \/>\nLavabos en verre (2) avec plan en Corian<br \/>\nFen\u00eatre de coque avec hublot lat\u00e9ral en acier inoxydable ouvrant<br \/>\net cache enroulable<br \/>\nMiroirs<br \/>\nRideau enroulable<br \/>\nRideau enroulable imperm\u00e9able pour la fen\u00eatre de la douche<br \/>\nDouche et bac en bois<br \/>\nSol en gr\u00e8s<br \/>\nPanneau de commande des toilettes avec jauge du r\u00e9servoir de stockage (3\/4 et plein)<\/p>\n<p>&nbsp;<\/p>\n<p>Cabine VIP<\/p>\n<p>Climatisation<br \/>\nTables de chevet (2) avec tiroir<br \/>\n\u00c9clairage de courtoisie au plafond<br \/>\nLit double avec matelas, oreillers et couvre-lit, rangement<br \/>\nTiroirs<br \/>\nCoiffeuse avec \u00e9tag\u00e8re, miroir et pouf<br \/>\nMoquette int\u00e9grale<br \/>\nHublot dans la coque avec hublots ouvrants en acier inoxydable (2) et couverture enroulable<br \/>\nMini cha\u00eene hi-fi avec prise USB<br \/>\nMiroir<br \/>\nLampes de lecture (2)<br \/>\nRideaux standard et enroulables sur les fen\u00eatres lat\u00e9rales<br \/>\nPrise TV<br \/>\nT\u00eate de lit rembourr\u00e9e<br \/>\nVentilation sous le lit<br \/>\nArmoire (tringle)<\/p>\n<p>Salle de bains VIP<\/p>\n<p>Extracteur d&rsquo;air<br \/>\nArmoires avec \u00e9tag\u00e8res et portes<br \/>\nBidet en c\u00e9ramique<br \/>\nRideaux<br \/>\nWC \u00e9lectrique en c\u00e9ramique<br \/>\nHublot ouvrant en acier inoxydable dans la coque<br \/>\nLavabo int\u00e9gr\u00e9 avec plan en Corian<br \/>\nPenderie avec porte miroir Douche avec porte en verre, sol en bois<br \/>\nPanneau de commande des WC avec jauge du r\u00e9servoir de stockage (3\/4 et plein)<br \/>\nSol en bois<\/p>\n<p>&nbsp;<\/p>\n<p>Cabine invit\u00e9s \u00e0 b\u00e2bord<\/p>\n<p>Climatisation<br \/>\nTables de chevet (2) avec tiroir<br \/>\n\u00c9clairage de courtoisie au plafond<br \/>\nLit double avec matelas, oreillers et couvre-lit, rangement<br \/>\nMoquette int\u00e9grale<br \/>\nHublots ouvrants en acier inoxydable (2) et cache enroulable<br \/>\nMini cha\u00eene hi-fi avec prise USB<br \/>\nMiroirs<br \/>\nLampes de lecture (2)<br \/>\nRideaux standard et occultants sur les fen\u00eatres lat\u00e9rales<br \/>\nPrise TV<br \/>\nT\u00eate de lit rembourr\u00e9e<br \/>\nVentilation sous le lit<br \/>\nArmoire (tringle)<\/p>\n<p>Salle de bains d&rsquo;invit\u00e9s \u00e0 b\u00e2bord<\/p>\n<p>Armoires avec \u00e9tag\u00e8res et portes<br \/>\nBidet en c\u00e9ramique<br \/>\nWC \u00e9lectrique en c\u00e9ramique<br \/>\nHublot ouvrant en acier inoxydable dans la coque<br \/>\nLavabo int\u00e9gr\u00e9 avec plan en Corian<br \/>\nPenderie avec porte miroir<br \/>\nRideaux enroulables<br \/>\nDouche avec porte en verre, bac en bois et banc<br \/>\nPanneau de commande des WC avec jauge du r\u00e9servoir de stockage (3\/4 et plein)<br \/>\nParquet<\/p>\n<p>&nbsp;<\/p>\n<p>Cabine invit\u00e9s tribord<\/p>\n<p>Climatisation<br \/>\nLits (2) avec matelas, oreillers et couvre-lits<br \/>\nTable de chevet avec tiroir<br \/>\n\u00c9clairage de courtoisie au plafond<br \/>\nTiroirs sous le lit<br \/>\nMoquette int\u00e9grale<br \/>\nHublot ouvrant en acier inoxydable dans la coque<br \/>\nMini cha\u00eene hi-fi avec prise USB<br \/>\nMiroirs<br \/>\nLampes de lecture (2)<br \/>\nRideaux standard et occultants sur les fen\u00eatres lat\u00e9rales<br \/>\nPrise TV<br \/>\nT\u00eate de lit rembourr\u00e9e<br \/>\nVentilation sous le lit<br \/>\nArmoire (tringle)<br \/>\nSalle de bains invit\u00e9s \u00e0 tribord<br \/>\nArmoires avec \u00e9tag\u00e8res et portes<br \/>\nWC \u00e9lectrique en c\u00e9ramique avec bidet int\u00e9gr\u00e9<br \/>\nHublot ouvrant en acier inoxydable dans la coque<br \/>\nLavabo int\u00e9gr\u00e9 avec plan en Corian<br \/>\nPenderie suspendue avec porte miroir<br \/>\nRideaux enroulables<br \/>\nDouche avec porte en verre et bac en bois<br \/>\nPanneau de commande des WC avec jauge du r\u00e9servoir de stockage (3\/4 et plein)<br \/>\nParquet en bois<\/p>\n<p>&nbsp;<\/p>\n<p>ESPACE \u00c9QUIPAGE<\/p>\n<p>Salle de bain du capitaine<br \/>\nWC \u00e9lectrique en c\u00e9ramique<br \/>\nCasiers avec \u00e9tag\u00e8res et portes<br \/>\nDouche avec porte et bac en bois<br \/>\nHublot ouvrant en acier inoxydable<br \/>\nLavabo<br \/>\nPanneau de commande des WC avec jauge du r\u00e9servoir de r\u00e9tention (3\/4 et plein)<\/p>\n<p>Cabine du capitaine<\/p>\n<p>Climatisation<br \/>\nLit avec matelas, oreiller et couvre-lit<br \/>\nMoquette int\u00e9grale<br \/>\nCasiers avec \u00e9tag\u00e8res<br \/>\nCasiers sup\u00e9rieurs avec \u00e9tag\u00e8res<br \/>\nLampes de lecture (2)<br \/>\nHublots ouvrants en acier inoxydable (2)<br \/>\nArmoire (tringle)<\/p>\n<p>Salle de bain de l&rsquo;\u00e9quipage<\/p>\n<p>WC \u00e9lectrique en c\u00e9ramique<br \/>\nCasiers avec \u00e9tag\u00e8res et portes<br \/>\nDouche avec bac en bois<br \/>\nHublot ouvrant en acier inoxydable<br \/>\nLavabo<br \/>\nPanneau de commande des toilettes avec jauge du r\u00e9servoir de r\u00e9tention (3\/4 et plein)<\/p>\n<p>&nbsp;<\/p>\n<p>Cabine \u00e9quipage tribord<\/p>\n<p>Climatisation<br \/>\nLits superpos\u00e9s (2) avec matelas,<br \/>\noreillers et couvre-lits<br \/>\nMoquette int\u00e9grale<br \/>\nCasiers avec \u00e9tag\u00e8res<br \/>\nCasiers sup\u00e9rieurs avec \u00e9tag\u00e8res<br \/>\nLampes de lecture (2)<br \/>\nHublots ouvrants en acier inoxydable (2)<br \/>\nArmoire (tringle)<\/p>\n<p>Hall dans la zone \u00e9quipage<\/p>\n<p>Acc\u00e8s au pont principal par des marches recouvertes de moquette<br \/>\n\u00c9vacuation pour lave-linge et s\u00e8che-linge<br \/>\nS\u00e8che-linge<br \/>\nMoquette int\u00e9grale<br \/>\nLave-linge<\/p>\n<p>&nbsp;<\/p>\n<p>ZONE TECHNIQUE<\/p>\n<p>Salle des machines<br \/>\nAcc\u00e8s (2) \u00e0 la zone du cockpit (\u00e9chelle en acier inoxydable et teck dans le<br \/>\nsupport b\u00e2bord, trappe)<br \/>\nPrises d&rsquo;air (2) avec s\u00e9parateur air\/eau<br \/>\nVannes d&rsquo;inversion (2) pour le pompage d&rsquo;eau d&rsquo;urgence depuis la cale<br \/>\nPompe de cale \u00e9lectrique<br \/>\nVentilateurs \u00e9lectriques (2)<br \/>\nSyst\u00e8me d&rsquo;extinction d&rsquo;incendie FM200 avec commande automatique\/manuelle<br \/>\nSortie d&rsquo;eau douce pour le remplissage et le lavage<br \/>\nIndicateur de niveau du r\u00e9servoir de carburant<br \/>\nR\u00e9servoir de carburant en PRV de 6750 l avec d\u00e9canteur int\u00e9gr\u00e9 et vidange<br \/>\n\u00c9clairage<br \/>\nTableau \u00e9lectrique principal<br \/>\nLampe portable<br \/>\nPr\u00e9filtre Racor pour moteur diesel (2)<br \/>\nPr\u00e9filtre Racor pour carburant vers les g\u00e9n\u00e9rateurs (2)<br \/>\nFiltres \u00e0 eau (2) pour le syst\u00e8me de refroidissement du moteur<br \/>\nFiltres \u00e0 eau (2) pour le syst\u00e8me de refroidissement du g\u00e9n\u00e9rateur<br \/>\nCloison avant \u00e9tanche<br \/>\nPlancher en bois antid\u00e9rapant<\/p>\n<p>Garage<\/p>\n<p>Trappe \u00e9lectro-hydraulique submersible avec teck \u00e0 l&rsquo;int\u00e9rieur<br \/>\nPlancher en PRV avec surface antid\u00e9rapante<br \/>\nTrappes d&rsquo;inspection (3) (vers la salle des machines)<br \/>\n\u00c9clairage<\/p>\n<p>&nbsp;<\/p>\n<p>\u00c9QUIPEMENT DE PROPULSION ET DE COMMANDE<\/p>\n<p>Propulsion et commande<br \/>\nPropulseur d&rsquo;\u00e9trave (puissance hydraulique 30 ch)<br \/>\nDirection assist\u00e9e \u00e9lectrique\/hydraulique<br \/>\nR\u00e9servoir de carburant en PRV de 6750 l avec d\u00e9canteur int\u00e9gr\u00e9 et vidange<br \/>\nPresse-\u00e9toupe avec joint d&rsquo;\u00e9tanch\u00e9it\u00e9 sans fuite, faible entretien<br \/>\n\u00c9chappements sous-marins silencieux<br \/>\nTransmission V-Drive<\/p>\n<p>Syst\u00e8mes de stabilisation<\/p>\n<p>Volets compensateurs (faps)<\/p>\n<p>\u00c9QUIPEMENT \u00c9LECTRONIQUE<\/p>\n<p>Communication<\/p>\n<p>VHF (2)<\/p>\n<p>Syst\u00e8me de surveillance<\/p>\n<p>Syst\u00e8me de gestion int\u00e9gr\u00e9 avec \u00e9cran tactile<br \/>\nNavigation<br \/>\nUnit\u00e9 de commande du pilote automatique (poste de barre principal)<br \/>\nRadar, r\u00e9p\u00e9titeur de traceur de cartes \u00e0 \u00e9cran LCD tactile avec GPS et pilote automatique (poste de barre sur le flybridge)<br \/>\nRadar, traceur de cartes et GPS avec \u00e9cran LCD tactile couleur et sondeur (2) (poste de barre principal)<\/p>\n<p>SYST\u00c8MES<\/p>\n<p>Syst\u00e8me d&rsquo;extinction d&rsquo;incendie<br \/>\nSyst\u00e8me d&rsquo;extinction d&rsquo;incendie FM200 FIREBOY dans la salle des machines avec commande automatique\/manuelle<br \/>\nExtincteurs portatifs<br \/>\nPoign\u00e9es d&rsquo;urgence dans la salle des machines (arr\u00eat du moteur et du g\u00e9n\u00e9rateur, arr\u00eat des ventilateurs (2), activation du syst\u00e8me d&rsquo;extinction d&rsquo;incendie)<br \/>\nSyst\u00e8me d&rsquo;alarme de d\u00e9tection de fum\u00e9e<\/p>\n<p>&nbsp;<\/p>\n<p>Syst\u00e8me de climatisation<\/p>\n<p>Syst\u00e8me de climatisation supertropical dans toutes les cabines (y compris les salles d&rsquo;eau)<\/p>\n<p>Syst\u00e8me \u00e9lectrique<\/p>\n<p>Chargeur automatique pour batteries moteur 24 V<br \/>\nBatterie de d\u00e9marrage du g\u00e9n\u00e9rateur auxiliaire 12 V (faible perte d&rsquo;eau)<br \/>\nChargeur de batterie pour batteries de service auxiliaires avec interrupteur pour charger le propulseur d&rsquo;\u00e9trave 24 V (2)<br \/>\nChargeur de batterie pour g\u00e9n\u00e9rateur (2)<br \/>\nCoupe-batteries : m\u00e9caniques (salle des machines) et \u00e9lectroniques (cockpit)<br \/>\nBo\u00eetier de disjoncteurs<br \/>\nInterrupteur Carling 100 A pour alimentation \u00e0 quai 240 V<br \/>\nProtection cathodique avec anodes<br \/>\nDoubles prises internes 120 V dans chaque bo\u00eetier<br \/>\nConnexion \u00e0 la terre pour la prise d&rsquo;eau de mer et les garde-corps<br \/>\nDisjoncteurs diff\u00e9rentiels (dans toutes les salles d&rsquo;eau (6) + cuisine + salle des machines)<br \/>\nGroupe de batteries 24 V \u00e0 faible perte d&rsquo;eau pour le d\u00e9marrage des moteurs (faible perte d&rsquo;eau)<br \/>\nGroupe de batteries auxiliaires 24 V (faible perte d&rsquo;eau)<br \/>\n\u00c9clairage LED interne\/externe du bateau<br \/>\nOnduleur 24 V CC\/120 V CA pour le r\u00e9frig\u00e9rateur de la cuisine<br \/>\nOnduleur 24 V CC\/120 V CA pour les services<br \/>\nTransformateur d&rsquo;isolement 25 kVA (2)<br \/>\n\u00c9clairage 24 V dans tout le bateau<br \/>\nBatterie principale du g\u00e9n\u00e9rateur 12 V (faible perte d&rsquo;eau)<br \/>\nCoupe-batteries manuels (2) pour les g\u00e9n\u00e9rateurs<br \/>\nCommutateur m\u00e9canique (cockpit) et \u00e9lectrique instantan\u00e9 (poste de barre principal) pour le parall\u00e9lisme des batteries<br \/>\nPrise de quai 100 A 240 V (2)<br \/>\nDisjoncteur diff\u00e9rentiel de quai 100 A &#8211; 30 mA<\/p>\n<p>Syst\u00e8me de cale<\/p>\n<p>Pompes \u00e9lectriques (2) pour le drainage de la cale (salle des machines, milieu du navire)<br \/>\nPompes \u00e9lectriques, 3 (2 dans la salle des machines, 1 au milieu du navire)<br \/>\nTuyau d&rsquo;aspiration de cale de secours (salle des machines) via la pompe de refroidissement du moteur<br \/>\nPompe \u00e9lectrique polyvalente (cale, eaux grises, eaux noires)<\/p>\n<p>&nbsp;<\/p>\n<p>Syst\u00e8mes sanitaires et d&rsquo;alimentation en eau<\/p>\n<p>Syst\u00e8me \u00e9lectrique automatique de vidange des eaux grises<br \/>\nPompe de vidange des eaux noires avec pompe \u00e9lectrique automatique<br \/>\nR\u00e9servoir d&rsquo;eaux noires de 330 l avec jauge (3\/4 et plein) et sortie ext\u00e9rieure<br \/>\nRaccordement des WC de l&rsquo;\u00e9quipage au r\u00e9servoir de r\u00e9tention<br \/>\nSyst\u00e8me \u00e9lectrique pour WC<br \/>\nPompe autoclave pour eau douce 24 V<br \/>\navec commande \u00e9lectronique<br \/>\nR\u00e9servoir d&rsquo;eau douce de 1320 l<br \/>\nVanne \u00e0 3 voies pour eaux grises dans la cuisine<br \/>\nR\u00e9servoir d&rsquo;eaux grises (330 l)<br \/>\nPrise d&rsquo;eau de mer ind\u00e9pendante pour la climatisation avec filtre<br \/>\nPrise d&rsquo;eau de mer ind\u00e9pendante avec filtre<br \/>\nPrise d&rsquo;eau de mer ind\u00e9pendante avec filtre pour le dessalinisateur<br \/>\nSyst\u00e8me d&rsquo;extinction d&rsquo;incendie \u00e0 l&rsquo;eau de mer et lavage des cha\u00eenes<br \/>\nChauffe-eau 230 V 80 l<\/p>\n<\/div>\n<\/div>\n<div class=\"html-content-description\">\n<p><strong>\u00a0<\/strong><\/p>\n<p><strong><span style=\"color: black;\">AVIS DE NON-RESPONSABILIT\u00c9<\/span><\/strong><\/p>\n<p><strong><span style=\"color: black; font-weight: normal;\">Le bateau qui est pr\u00e9sent\u00e9 sur cette page, l\u2019est uniquement \u00e0 titre d\u2019information et n\u2019est pas n\u00e9cessairement toujours disponible \u00e0 la vente et\/ou \u00e0 la location.<\/span><\/strong><span class=\"apple-converted-space\"><b><span style=\"color: black;\">\u00a0<\/span><\/b><\/span><strong><span style=\"color: black; font-weight: normal;\">Ce bateau est peut-\u00eatre offert sous r\u00e9serve, il faut v\u00e9rifier sa disponibilit\u00e9.<\/span><\/strong><span class=\"apple-converted-space\"><b><span style=\"color: black;\">\u00a0<\/span><\/b><\/span><strong><span style=\"color: black; font-weight: normal;\">\u00a0Ce document ou cette annonce n\u2019est pas contractuel. Les informations sur les bateaux affich\u00e9es dans les r\u00e9sultats ci-dessus sont pr\u00e9sent\u00e9es en toute bonne foi et, bien qu\u2019elles soient consid\u00e9r\u00e9es comme correctes, elles ne sont pas garanties. Ita Yachts Canada ne garantit pas et n\u2019assume aucune responsabilit\u00e9 l\u00e9gale ou responsabilit\u00e9 pour l\u2019exactitude, l\u2019exhaustivit\u00e9 ou l\u2019utilit\u00e9 des informations et\/ou des images affich\u00e9es, car elles peuvent ne pas \u00eatre \u00e0 jour ou encore \u00eatres des images d\u2019un bateau comparable. Toutes les informations sur les bateaux peuvent \u00eatre modifi\u00e9es sans pr\u00e9avis et sont sans garantie.<\/span><\/strong><span class=\"apple-converted-space\"><b><span style=\"color: black;\">\u00a0<\/span><\/b><\/span><strong><span style=\"color: black; font-weight: normal;\">Ce bateau est peut-\u00eatre offert par un autre courtier ouvert au co-courtage (co-brokerage).<\/span><\/strong><\/p>\n<p>&nbsp;<\/p>\n<div data-test='contact-form'\n\t\t\tid='contact-form-292069'\n\t\t\tclass='jetpack-contact-form-container '\n\t\t\tdata-wp-interactive='jetpack\/form' data-wp-context='{\"formId\":\"292069\",\"formHash\":\"29f65e9136241944dad31286d4bf9899a9dbeced\",\"showErrors\":false,\"errors\":[],\"fields\":[],\"isMultiStep\":false,\"useAjax\":false,\"submissionData\":null,\"formattedSubmissionData\":[],\"submissionSuccess\":false,\"submissionError\":null,\"elementId\":\"jp-form-29f65e9136241944dad31286d4bf9899a9dbeced\",\"isSingleInputForm\":false,\"isForcedHorizontal\":false}'\n\t\t\tdata-wp-watch--scroll-to-wrapper=\"callbacks.scrollToWrapper\"\n\t\t>\n<div class=\"contact-form-submission contact-form-ajax-submission\" data-wp-bind--aria-hidden=\"state.isSuccessMessageAriaHidden\" data-wp-class--submission-success=\"context.submissionSuccess\" id=\"contact-form-success-29f65e9136241944dad31286d4bf9899a9dbeced\" tabindex=\"-1\" aria-labelledby=\"contact-form-success-header-29f65e9136241944dad31286d4bf9899a9dbeced\"><p class=\"go-back-message\"><a class=\"link\" role=\"button\" tabindex=\"0\" data-wp-on--click=\"actions.goBack\" href=\"\/fr\/wp-json\/wp\/v2\/listing\/292069\">\u2190 Retour<\/a><\/p><h4 data-wp-bind--aria-hidden=\"state.isSuccessMessageAriaHidden\" id=\"contact-form-success-header-29f65e9136241944dad31286d4bf9899a9dbeced\">Merci pour votre r\u00e9ponse. \u2728<\/h4>\n\n<template data-wp-each--submission=\"context.formattedSubmissionData\">\n\t\t\t\t\t<div class=\"jetpack_forms_contact-form-success-summary\">\n\t\t\t\t\t\t<div class=\"field-name-wrapper\">\n\t\t\t\t\t\t\t<div class=\"field-type-icon\" data-wp-watch=\"callbacks.watchFieldTypeIcon\"><\/div>\n\t\t\t\t\t\t\t<div class=\"field-name\" data-wp-text=\"context.submission.label\" data-wp-bind--hidden=\"!context.submission.label\"><\/div>\n\t\t\t\t\t\t<\/div>\n\t\t\t\t\t\t<div class=\"field-value\" data-wp-text=\"context.submission.value\" data-wp-bind--hidden=\"!context.submission.showPlainValue\"><\/div>\n\t\t\t\t\t\t<a class=\"field-url\" data-wp-bind--href=\"context.submission.url\" data-wp-text=\"context.submission.value\" data-wp-bind--hidden=\"!context.submission.url\" target=\"_blank\" rel=\"noopener noreferrer\"><\/a>\n\t\t\t\t\t\t<div class=\"field-rating\" data-wp-bind--hidden=\"!context.submission.rating\" data-wp-watch=\"callbacks.watchRatingIcons\"><\/div>\n\t\t\t\t\t\t<div class=\"field-images\" data-wp-bind--hidden=\"!context.submission.images\">\n\t\t\t\t\t\t\t<template data-wp-each--image=\"context.submission.images\">\n\t\t\t\t\t\t\t\t<div class=\"field-image-option\" data-wp-class--is-empty=\"!context.image.src\">\n\t\t\t\t\t\t\t\t\t<figure class=\"field-image-option__image\" data-wp-class--is-empty=\"!context.image.src\">\n\t\t\t\t\t\t\t\t\t\t<img data-wp-bind--src=\"context.image.src\" data-wp-bind--hidden=\"!context.image.src\" \/>\n\t\t\t\t\t\t\t\t\t\t<img decoding=\"async\" src=\"data:image\/gif;base64,R0lGODlhAQABAAD\/ACwAAAAAAQABAAACADs=\" data-wp-bind--hidden=\"context.image.src\" \/>\n\t\t\t\t\t\t\t\t\t<\/figure>\n\t\t\t\t\t\t\t\t\t<div class=\"field-image-option__label-wrapper\">\n\t\t\t\t\t\t\t\t\t\t<span class=\"field-image-option__label-code\" data-wp-text=\"context.image.letterCode\"><\/span>\n\t\t\t\t\t\t\t\t\t\t<span class=\"field-image-option__label\" data-wp-text=\"context.image.label\" data-wp-bind--hidden=\"!context.image.label\"><\/span>\n\t\t\t\t\t\t\t\t\t<\/div>\n\t\t\t\t\t\t\t\t<\/div>\n\t\t\t\t\t\t\t<\/template>\n\t\t\t\t\t\t<\/div>\n\t\t\t\t\t\t<div class=\"field-files\" data-wp-bind--hidden=\"!context.submission.files\">\n\t\t\t\t\t\t\t<template data-wp-each--file=\"context.submission.files\">\n\t\t\t\t\t\t\t\t<div class=\"field-file\">\n\t\t\t\t\t\t\t\t\t<div class=\"field-file__thumbnail\" data-wp-style--background-image=\"context.file.previewUrl\" data-wp-style--mask-image=\"context.file.iconUrl\" data-wp-bind--hidden=\"!context.file.hasPreview\"><\/div>\n\t\t\t\t\t\t\t\t\t<svg class=\"field-file__icon\" data-wp-bind--hidden=\"context.file.hasPreview\" width=\"20\" height=\"20\" viewBox=\"0 0 24 24\" fill=\"none\" xmlns=\"http:\/\/www.w3.org\/2000\/svg\" aria-hidden=\"true\">\n\t\t\t\t\t\t\t\t\t\t<path d=\"M14 2H6C4.9 2 4 2.9 4 4V20C4 21.1 4.89 22 5.99 22H18C19.1 22 20 21.1 20 20V8L14 2ZM18 20H6V4H13V9H18V20Z\" fill=\"currentColor\"\/>\n\t\t\t\t\t\t\t\t\t<\/svg>\n\t\t\t\t\t\t\t\t\t<span class=\"field-file__name\" data-wp-text=\"context.file.name\"><\/span>\n\t\t\t\t\t\t\t\t\t<span class=\"field-file__size\" data-wp-text=\"context.file.size\"><\/span>\n\t\t\t\t\t\t\t\t<\/div>\n\t\t\t\t\t\t\t<\/template>\n\t\t\t\t\t\t<\/div>\n\t\t\t\t\t<\/div>\n\t\t\t\t<\/template><\/div><form action='https:\/\/itayachtscanada.com\/fr\/listing\/ferretti-850-flybridge-2018-3750000-usd-for-sale\/'\n\t\t\t\tid='jp-form-29f65e9136241944dad31286d4bf9899a9dbeced'\n\t\t\t\tmethod='post'\n\t\t\t\tclass='contact-form commentsblock jetpack-contact-form__form has-no-jetpack-form-layout' aria-label=\"{:en}Ferretti 850 Flybridge 2018 $3,750,000 usd for sale{:}{:fr}Ferretti 850 Flybridge 2018 $3,750,000 usd \u00e0 vendre{:}\"\n\t\t\t\tdata-wp-on--submit=\"actions.onFormSubmit\"\n\t\t\t\tdata-wp-on--reset=\"actions.onFormReset\"\n\t\t\t\tdata-wp-class--submission-success=\"context.submissionSuccess\"\n\t\t\t\tdata-wp-class--is-first-step=\"state.isFirstStep\"\n\t\t\t\tdata-wp-class--is-last-step=\"state.isLastStep\"\n\t\t\t\tdata-wp-class--is-ajax-form=\"context.useAjax\"\n\t\t\t\tnovalidate >\n<input type='hidden' name='jetpack_contact_form_jwt' value='eyJ0eXAiOiJKV1QiLCJhbGciOiJIUzI1NiJ9.eyJlbmNyeXB0ZWRfYXR0cmlidXRlcyI6IlFXWGw4NXpEekhlRjhKRnY2L3hkQUZTZEhKV0dzdnc2RXovUDcrdHlRa0haREFVOEZLeDB5ZHZxSzVNdmtsb01WVDkrOXhucTdRbm02VFJjWEJGWmMzUHI2c1ppUjNrQ0lZUXFrQk9wS3VybjBZbjVEZFRTM0JleWVOVkkvclovRTRhN0w4dkhaRElBRTg5SGI0WGdMWlhiZXhHUmtXbTdBSzgwbUozU2YySmpyQXg0TFNucFlsYjBLdFAvRUhqaVh3LzJ5ekF4V3ZHMUhYRFlKTmo0UkJrR1RnMThZQWJEVjdYby9lcjh0WDUyUWE1RjNwZy9WVHBXYVllZlRWM2RUTXllNWZkb2s2M3VqZ3o5NVlTaFc2RUNDK1g5dEI0dDVBdW1kQmg5MkJLekF0dHlPOCt3QUpoNU5YSEFJdHBJMnU4SkpHNnpYT2Z6R3lSNmdXWFgrVUswWGpadnJjYWJNdEhCSlFkMTVhRW9QK00wTzJjR0JOWnIrODNrRURWM3JsSmJ6eEhXeUZSMld4YUc0OW1hZkNmWHlWeXVyT2hUVnVhcldJSTBlaUc5UDdrUEJNYzVUNUg5M0hlOTRESFVMT1NINURBUWl5WlBDWmI3VmxxSW9uVzFOUG83NGtpWTVlOE5qM0xYSkl4L1lkMDBRRnc2aWJqY0l6N0xwSnMxWmoreTlPL1NSMFpEMHUxeXBhU045MnVCSFF0T3hTWWlhZ082ZmlsN2RPemN2b3drYjhwNEhKRHdETkdxZUxYMjRjZ2FBaW1ybVVqWVJiZUVQdE03cmIwVmZaeDdxYndIT3pvTzRHOTBUd1lsV0pLa241dS8xZzJaTktPK1NQZnF4WnlCVTlINTR4VG1tL3FJb2VIKzJFWUxPTWNOakxsM2VyUHRDVGpXMmxBcEhvU2xrNVlYR011Vkl4UzV1aGhEYk13WmlhNzNlOEhJWHNzYnRGdjU1WE8vcmZPeG96cWZtSnNLdlh3UU03dTlrcWJkZ3lOVkR2V2RZWlNsRWF0V3dSU1RGUEplcG1qeW9QSHdJbjd0NkhQVk54Uk9LbFdoajR2dG56WVpoMUMxMjArTG5XbkRQV0VZZ0xWTnpQMHc3MWpncVlEQ25kQTZFUENpVm5pSlFXYlpPWWZLT2p0MFAwNDBxWlRWRW5xRDk0OU9qMGJ1UzNxNVlWRWxaZ04rOFg0dFV2UXZBUklrdmFEYjJpcjNZaytjS1hLQTFqTG1jQ1dSVk1GSkZXcDVrcEpyYnhSUHZLSjZvT3M3VHZwY2s5SGQ4YUdoIiwiY29udGVudCI6Iltjb250YWN0LWZpZWxkIGxhYmVsPVwiTm9tOlwiIHR5cGU9XCJuYW1lXCIgcmVxdWlyZWQ9XCIxXCJdW2NvbnRhY3QtZmllbGQgbGFiZWw9XCJFLW1haWxcIiB0eXBlPVwiZW1haWxcIiByZXF1aXJlZD1cIjFcIl1bY29udGFjdC1maWVsZCBsYWJlbD1cIkF1IHN1amV0IGRlIGNlIHlhY2h0IDogXCIgdHlwZT1cInRleHRcIl1bY29udGFjdC1maWVsZCBsYWJlbD1cIk1lc3NhZ2VcIiB0eXBlPVwidGV4dGFyZWFcIl0iLCJoYXNoIjoiMjlmNjVlOTEzNjI0MTk0NGRhZDMxMjg2ZDRiZjk4OTlhOWRiZWNlZCIsInNvdXJjZSI6eyJlbnRyeV90aXRsZSI6IkZlcnJldHRpIDg1MCBGbHlicmlkZ2UgMjAxOCAkMyw3NTAsMDAwIHVzZCBcdTAwZTAgdmVuZHJlIiwiZW50cnlfcGFnZSI6MSwic291cmNlX2lkIjoyOTIwNjksInNvdXJjZV90eXBlIjoic2luZ2xlIiwicmVxdWVzdF91cmwiOiJodHRwczovL2l0YXlhY2h0c2NhbmFkYS5jb20vZnIvd3AtanNvbi93cC92Mi9saXN0aW5nLzI5MjA2OSJ9LCJ2ZXJzaW9uIjoyLCJjaXBoZXIiOiJhZXMtMjU2LWdjbSJ9.2Avt1cyTxr6uf_hzg9xxUWtDx5HqS4uVE8G5ZjaD9uo' \/>\n\n<div style=\"\"  data-wp-interactive=\"jetpack\/form\" data-wp-context='{\"fieldId\":\"g292069-nom\",\"fieldType\":\"name\",\"fieldLabel\":\"Nom:\",\"fieldValue\":\"\",\"fieldPlaceholder\":\"\",\"fieldIsRequired\":\"1\",\"fieldErrorMessage\":\"\",\"fieldExtra\":[],\"formHash\":\"29f65e9136241944dad31286d4bf9899a9dbeced\"}'  class='grunion-field-name-wrap grunion-field-wrap'  data-wp-init='callbacks.initializeField' data-wp-on--jetpack-form-reset='callbacks.initializeField' >\n<label\n\t\t\t\tfor='g292069-nom' class=\"grunion-field-label name\" >Nom:<span class=\"grunion-label-required\" aria-hidden=\"true\">(obligatoire)<\/span><\/label>\n<input\n\t\t\t\t\ttype='text'\n\t\t\t\t\tname='g292069-nom'\n\t\t\t\t\tid='g292069-nom'\n\t\t\t\t\tvalue=''\n\n\t\t\t\t\tdata-wp-bind--aria-invalid='state.fieldAriaInvalid'\n\t\t\t\t\tdata-wp-bind--value='state.getFieldValue'\n\t\t\t\t\taria-describedby='g292069-nom-text-error-message'\n\t\t\t\t\tdata-wp-on--input='actions.onFieldChange'\n\t\t\t\t\tdata-wp-on--blur='actions.onFieldBlur'\n\t\t\t\t\tdata-wp-class--has-value='state.hasFieldValue'\n\n\t\t\t\t\tclass='name  grunion-field' \n\t\t\t\t\trequired='true' aria-required='true'  \/>\n \n\t\t\t<div id=\"g292069-nom-text-error\" class=\"contact-form__input-error\" data-wp-class--has-errors=\"state.fieldHasErrors\">\n\t\t\t\t<span class=\"contact-form__warning-icon\" aria-hidden=\"true\">\n\t\t\t\t\t<svg width=\"16\" height=\"16\" viewBox=\"0 0 16 16\" fill=\"none\" xmlns=\"http:\/\/www.w3.org\/2000\/svg\">\n\t\t\t\t\t\t<path d=\"M8.50015 11.6402H7.50015V10.6402H8.50015V11.6402Z\" \/>\n\t\t\t\t\t\t<path d=\"M7.50015 9.64018H8.50015V6.30684H7.50015V9.64018Z\" \/>\n\t\t\t\t\t\t<path fill-rule=\"evenodd\" clip-rule=\"evenodd\" d=\"M6.98331 3.0947C7.42933 2.30177 8.57096 2.30177 9.01698 3.09469L13.8771 11.7349C14.3145 12.5126 13.7525 13.4735 12.8602 13.4735H3.14004C2.24774 13.4735 1.68575 12.5126 2.12321 11.7349L6.98331 3.0947ZM8.14541 3.58496C8.08169 3.47168 7.9186 3.47168 7.85488 3.58496L2.99478 12.2251C2.93229 12.3362 3.01257 12.4735 3.14004 12.4735H12.8602C12.9877 12.4735 13.068 12.3362 13.0055 12.2251L8.14541 3.58496Z\" \/>\n\t\t\t\t\t<\/svg>\n\t\t\t\t<\/span>\n\t\t\t\t<span data-wp-text=\"state.errorMessage\" id=\"g292069-nom-text-error-message\"><\/span>\n\t\t\t<\/div> \n\t<\/div>\n\n<div style=\"\"  data-wp-interactive=\"jetpack\/form\" data-wp-context='{\"fieldId\":\"g292069-email\",\"fieldType\":\"email\",\"fieldLabel\":\"E-mail\",\"fieldValue\":\"\",\"fieldPlaceholder\":\"\",\"fieldIsRequired\":\"1\",\"fieldErrorMessage\":\"\",\"fieldExtra\":[],\"formHash\":\"29f65e9136241944dad31286d4bf9899a9dbeced\"}'  class='grunion-field-email-wrap grunion-field-wrap'  data-wp-init='callbacks.initializeField' data-wp-on--jetpack-form-reset='callbacks.initializeField' >\n<label\n\t\t\t\tfor='g292069-email' class=\"grunion-field-label email\" >E-mail<span class=\"grunion-label-required\" aria-hidden=\"true\">(obligatoire)<\/span><\/label>\n<input\n\t\t\t\t\ttype='email'\n\t\t\t\t\tname='g292069-email'\n\t\t\t\t\tid='g292069-email'\n\t\t\t\t\tvalue=''\n\n\t\t\t\t\tdata-wp-bind--aria-invalid='state.fieldAriaInvalid'\n\t\t\t\t\tdata-wp-bind--value='state.getFieldValue'\n\t\t\t\t\taria-describedby='g292069-email-email-error-message'\n\t\t\t\t\tdata-wp-on--input='actions.onFieldChange'\n\t\t\t\t\tdata-wp-on--blur='actions.onFieldBlur'\n\t\t\t\t\tdata-wp-class--has-value='state.hasFieldValue'\n\n\t\t\t\t\tclass='email  grunion-field' \n\t\t\t\t\trequired='true' aria-required='true'  \/>\n \n\t\t\t<div id=\"g292069-email-email-error\" class=\"contact-form__input-error\" data-wp-class--has-errors=\"state.fieldHasErrors\">\n\t\t\t\t<span class=\"contact-form__warning-icon\" aria-hidden=\"true\">\n\t\t\t\t\t<svg width=\"16\" height=\"16\" viewBox=\"0 0 16 16\" fill=\"none\" xmlns=\"http:\/\/www.w3.org\/2000\/svg\">\n\t\t\t\t\t\t<path d=\"M8.50015 11.6402H7.50015V10.6402H8.50015V11.6402Z\" \/>\n\t\t\t\t\t\t<path d=\"M7.50015 9.64018H8.50015V6.30684H7.50015V9.64018Z\" \/>\n\t\t\t\t\t\t<path fill-rule=\"evenodd\" clip-rule=\"evenodd\" d=\"M6.98331 3.0947C7.42933 2.30177 8.57096 2.30177 9.01698 3.09469L13.8771 11.7349C14.3145 12.5126 13.7525 13.4735 12.8602 13.4735H3.14004C2.24774 13.4735 1.68575 12.5126 2.12321 11.7349L6.98331 3.0947ZM8.14541 3.58496C8.08169 3.47168 7.9186 3.47168 7.85488 3.58496L2.99478 12.2251C2.93229 12.3362 3.01257 12.4735 3.14004 12.4735H12.8602C12.9877 12.4735 13.068 12.3362 13.0055 12.2251L8.14541 3.58496Z\" \/>\n\t\t\t\t\t<\/svg>\n\t\t\t\t<\/span>\n\t\t\t\t<span data-wp-text=\"state.errorMessage\" id=\"g292069-email-email-error-message\"><\/span>\n\t\t\t<\/div> \n\t<\/div>\n\n<div style=\"\"  data-wp-interactive=\"jetpack\/form\" data-wp-context='{\"fieldId\":\"g292069-ausujetdeceyacht\",\"fieldType\":\"text\",\"fieldLabel\":\"Au sujet de ce yacht : \",\"fieldValue\":\"\",\"fieldPlaceholder\":\"\",\"fieldIsRequired\":\"\",\"fieldErrorMessage\":\"\",\"fieldExtra\":[],\"formHash\":\"29f65e9136241944dad31286d4bf9899a9dbeced\"}'  class='grunion-field-text-wrap grunion-field-wrap'  data-wp-init='callbacks.initializeField' data-wp-on--jetpack-form-reset='callbacks.initializeField' >\n<label\n\t\t\t\tfor='g292069-ausujetdeceyacht' class=\"grunion-field-label text\" >Au sujet de ce yacht : <\/label>\n<input\n\t\t\t\t\ttype='text'\n\t\t\t\t\tname='g292069-ausujetdeceyacht'\n\t\t\t\t\tid='g292069-ausujetdeceyacht'\n\t\t\t\t\tvalue=''\n\n\t\t\t\t\tdata-wp-bind--aria-invalid='state.fieldAriaInvalid'\n\t\t\t\t\tdata-wp-bind--value='state.getFieldValue'\n\t\t\t\t\taria-describedby='g292069-ausujetdeceyacht-text-error-message'\n\t\t\t\t\tdata-wp-on--input='actions.onFieldChange'\n\t\t\t\t\tdata-wp-on--blur='actions.onFieldBlur'\n\t\t\t\t\tdata-wp-class--has-value='state.hasFieldValue'\n\n\t\t\t\t\tclass='text  grunion-field' \n\t\t\t\t\t \/>\n \n\t\t\t<div id=\"g292069-ausujetdeceyacht-text-error\" class=\"contact-form__input-error\" data-wp-class--has-errors=\"state.fieldHasErrors\">\n\t\t\t\t<span class=\"contact-form__warning-icon\" aria-hidden=\"true\">\n\t\t\t\t\t<svg width=\"16\" height=\"16\" viewBox=\"0 0 16 16\" fill=\"none\" xmlns=\"http:\/\/www.w3.org\/2000\/svg\">\n\t\t\t\t\t\t<path d=\"M8.50015 11.6402H7.50015V10.6402H8.50015V11.6402Z\" \/>\n\t\t\t\t\t\t<path d=\"M7.50015 9.64018H8.50015V6.30684H7.50015V9.64018Z\" \/>\n\t\t\t\t\t\t<path fill-rule=\"evenodd\" clip-rule=\"evenodd\" d=\"M6.98331 3.0947C7.42933 2.30177 8.57096 2.30177 9.01698 3.09469L13.8771 11.7349C14.3145 12.5126 13.7525 13.4735 12.8602 13.4735H3.14004C2.24774 13.4735 1.68575 12.5126 2.12321 11.7349L6.98331 3.0947ZM8.14541 3.58496C8.08169 3.47168 7.9186 3.47168 7.85488 3.58496L2.99478 12.2251C2.93229 12.3362 3.01257 12.4735 3.14004 12.4735H12.8602C12.9877 12.4735 13.068 12.3362 13.0055 12.2251L8.14541 3.58496Z\" \/>\n\t\t\t\t\t<\/svg>\n\t\t\t\t<\/span>\n\t\t\t\t<span data-wp-text=\"state.errorMessage\" id=\"g292069-ausujetdeceyacht-text-error-message\"><\/span>\n\t\t\t<\/div> \n\t<\/div>\n\n<div style=\"\"  data-wp-interactive=\"jetpack\/form\" data-wp-context='{\"fieldId\":\"g292069-message\",\"fieldType\":\"textarea\",\"fieldLabel\":\"Message\",\"fieldValue\":\"\",\"fieldPlaceholder\":\"\",\"fieldIsRequired\":\"\",\"fieldErrorMessage\":\"\",\"fieldExtra\":[],\"formHash\":\"29f65e9136241944dad31286d4bf9899a9dbeced\"}'  class='grunion-field-textarea-wrap grunion-field-wrap'  data-wp-init='callbacks.initializeField' data-wp-on--jetpack-form-reset='callbacks.initializeField' >\n<label\n\t\t\t\tfor='contact-form-comment-g292069-message' class=\"grunion-field-label textarea\" >Message<\/label>\n<textarea\n\t\t                style=''\n\t\t                name='g292069-message'\n\t\t                id='contact-form-comment-g292069-message'\n\t\t                rows='20'\n\t\t\t\t\t\tdata-wp-text='state.getFieldValue'\n\t\t\t\t\t\tdata-wp-on--input='actions.onFieldChange'\n\t\t\t\t\t\tdata-wp-on--blur='actions.onFieldBlur'\n\t\t\t\t\t\tdata-wp-class--has-value='state.hasFieldValue'\n\t\t\t\t\t\taria-describedby='g292069-message-textarea-error-message'\n\t\t\t\t\t\tdata-wp-bind--aria-invalid='state.fieldAriaInvalid'\n\t\t\t\t\t\tclass='textarea  grunion-field'  ><\/textarea>\n \n\t\t\t<div id=\"g292069-message-textarea-error\" class=\"contact-form__input-error\" data-wp-class--has-errors=\"state.fieldHasErrors\">\n\t\t\t\t<span class=\"contact-form__warning-icon\" aria-hidden=\"true\">\n\t\t\t\t\t<svg width=\"16\" height=\"16\" viewBox=\"0 0 16 16\" fill=\"none\" xmlns=\"http:\/\/www.w3.org\/2000\/svg\">\n\t\t\t\t\t\t<path d=\"M8.50015 11.6402H7.50015V10.6402H8.50015V11.6402Z\" \/>\n\t\t\t\t\t\t<path d=\"M7.50015 9.64018H8.50015V6.30684H7.50015V9.64018Z\" \/>\n\t\t\t\t\t\t<path fill-rule=\"evenodd\" clip-rule=\"evenodd\" d=\"M6.98331 3.0947C7.42933 2.30177 8.57096 2.30177 9.01698 3.09469L13.8771 11.7349C14.3145 12.5126 13.7525 13.4735 12.8602 13.4735H3.14004C2.24774 13.4735 1.68575 12.5126 2.12321 11.7349L6.98331 3.0947ZM8.14541 3.58496C8.08169 3.47168 7.9186 3.47168 7.85488 3.58496L2.99478 12.2251C2.93229 12.3362 3.01257 12.4735 3.14004 12.4735H12.8602C12.9877 12.4735 13.068 12.3362 13.0055 12.2251L8.14541 3.58496Z\" \/>\n\t\t\t\t\t<\/svg>\n\t\t\t\t<\/span>\n\t\t\t\t<span data-wp-text=\"state.errorMessage\" id=\"g292069-message-textarea-error-message\"><\/span>\n\t\t\t<\/div>\n\t<\/div>\n\t<p class='contact-submit'>\n<div class=\"contact-form__error\" data-wp-class--show-errors=\"state.showFormErrors\"><span class=\"contact-form__warning-icon\" aria-hidden=\"true\"><i><\/i><\/span><span class=\"contact-form__error-message\" tabindex=\"-1\" data-wp-watch=\"callbacks.focusOnValidationError\" data-wp-text=\"state.getFormErrorMessage\"><\/span><ul aria-label=\"Erreurs de formulaire\">\n\t\t\t\t<template data-wp-each=\"state.getErrorList\" data-wp-key=\"context.item.id\">\n\t\t\t\t\t<li><a data-wp-bind--href=\"context.item.anchor\" data-wp-on--click=\"actions.scrollIntoView\" data-wp-text=\"context.item.label\"><\/a><\/li>\n\t\t\t\t<\/template>\n\t\t\t\t<\/ul><\/div><div class=\"contact-form__error\" data-wp-class--show-errors=\"state.showSubmissionError\" data-wp-text=\"context.submissionError\" tabindex=\"-1\" data-wp-watch=\"callbacks.focusOnSubmissionError\"><\/div>\t\t<button type='submit' class='pushbutton-wide'>Envoyer<\/button>\t\t<input type='hidden' name='contact-form-id' value='292069' \/>\n\t\t<input type='hidden' name='action' value='grunion-contact-form' \/>\n\t\t<input type='hidden' name='contact-form-hash' value='29f65e9136241944dad31286d4bf9899a9dbeced' \/>\n\t<\/p>\n<p style=\"display: none !important;\" class=\"akismet-fields-container\" data-prefix=\"ak_\"><label>&#916;<textarea name=\"ak_hp_textarea\" cols=\"45\" rows=\"8\" maxlength=\"100\"><\/textarea><\/label><input type=\"hidden\" id=\"ak_js_1\" name=\"ak_js\" value=\"81\"\/><script type=\"text\/javascript\">\n\/* <![CDATA[ *\/\ndocument.getElementById( \"ak_js_1\" ).setAttribute( \"value\", ( new Date() ).getTime() );\n\/* ]]> *\/\n<\/script>\n<\/p><\/form>\n<\/div>\n<p>&nbsp;<\/p>\n<p>&nbsp;<\/p>\n<\/div>\n<\/div>\n","protected":false},"excerpt":{"rendered":"<p>Ferretti 850 Flybridge 2018 $3,750,000 usd \u00e0 vendre ALTER EGO, beaut\u00e9 puissante, charme agressif, \u00e9l\u00e9gance et luxe se marient dans une formule sans pr\u00e9c\u00e9dent : certains yachts vous laissent tout simplement sans voix, avec le sentiment d&rsquo;avoir assist\u00e9 au d\u00e9but d&rsquo;une nouvelle \u00e8re et \u00e0 l&rsquo;av\u00e8nement d&rsquo;une nouvelle norme dans le domaine de la plaisance. &hellip; <a href=\"https:\/\/itayachtscanada.com\/fr\/listing\/ferretti-850-flybridge-2018-3750000-usd-for-sale\/\" class=\"more-link\">Lire la suite <span class=\"screen-reader-text\">Ferretti 850 Flybridge 2018 $3,750,000 usd \u00e0 vendre<\/span> <span class=\"meta-nav\">&rarr;<\/span><\/a><\/p>\n","protected":false},"author":119081455,"featured_media":292078,"parent":0,"menu_order":0,"comment_status":"open","ping_status":"open","template":"","format":"standard","meta":{"_coblocks_attr":"","_coblocks_dimensions":"","_coblocks_responsive_height":"","_coblocks_accordion_ie_support":"","_lmt_disableupdate":"no","_lmt_disable":"no","advanced_seo_description":"","jetpack_seo_html_title":"","jetpack_seo_noindex":false,"footnotes":""},"manufacturer":[6434],"prix":[6501],"years":[6381],"length_feet":[6590],"boat_type":[6464],"price_range":[6581],"localisations":[],"numyacht":[10729],"datevente":[10725,11034,11189,11291],"country":[10755],"states":[10770],"city":[10849],"fresh-water-boat":[10809],"broker":[],"migration":[10888],"class_list":["post-292069","listing","type-listing","status-publish","format-standard","has-post-thumbnail","hentry","manufacturer-ferretti","prix-6501","years-6381","length_feet-between-80-and-89-feets","boat_type-flybridge","price_range-3000000-4999999","numyacht-10729","datevente-2025-10-23","datevente-2025-12-20","datevente-2026-02-18","datevente-2026-04-15","country-united-states","states-floride","city-boca-raton","fresh-water-boat-non","migration-non"],"translation":{"provider":"WPGlobus","version":"2.12.2","language":"fr","enabled_languages":["en","fr"],"languages":{"en":{"title":true,"content":true,"excerpt":false},"fr":{"title":true,"content":true,"excerpt":false}}},"jetpack_likes_enabled":true,"jetpack_sharing_enabled":true,"_links":{"self":[{"href":"https:\/\/itayachtscanada.com\/fr\/wp-json\/wp\/v2\/listing\/292069","targetHints":{"allow":["GET"]}}],"collection":[{"href":"https:\/\/itayachtscanada.com\/fr\/wp-json\/wp\/v2\/listing"}],"about":[{"href":"https:\/\/itayachtscanada.com\/fr\/wp-json\/wp\/v2\/types\/listing"}],"author":[{"embeddable":true,"href":"https:\/\/itayachtscanada.com\/fr\/wp-json\/wp\/v2\/users\/119081455"}],"replies":[{"embeddable":true,"href":"https:\/\/itayachtscanada.com\/fr\/wp-json\/wp\/v2\/comments?post=292069"}],"version-history":[{"count":15,"href":"https:\/\/itayachtscanada.com\/fr\/wp-json\/wp\/v2\/listing\/292069\/revisions"}],"predecessor-version":[{"id":296185,"href":"https:\/\/itayachtscanada.com\/fr\/wp-json\/wp\/v2\/listing\/292069\/revisions\/296185"}],"wp:featuredmedia":[{"embeddable":true,"href":"https:\/\/itayachtscanada.com\/fr\/wp-json\/wp\/v2\/media\/292078"}],"wp:attachment":[{"href":"https:\/\/itayachtscanada.com\/fr\/wp-json\/wp\/v2\/media?parent=292069"}],"wp:term":[{"taxonomy":"manufacturer","embeddable":true,"href":"https:\/\/itayachtscanada.com\/fr\/wp-json\/wp\/v2\/manufacturer?post=292069"},{"taxonomy":"prix","embeddable":true,"href":"https:\/\/itayachtscanada.com\/fr\/wp-json\/wp\/v2\/prix?post=292069"},{"taxonomy":"years","embeddable":true,"href":"https:\/\/itayachtscanada.com\/fr\/wp-json\/wp\/v2\/years?post=292069"},{"taxonomy":"length_feet","embeddable":true,"href":"https:\/\/itayachtscanada.com\/fr\/wp-json\/wp\/v2\/length_feet?post=292069"},{"taxonomy":"boat_type","embeddable":true,"href":"https:\/\/itayachtscanada.com\/fr\/wp-json\/wp\/v2\/boat_type?post=292069"},{"taxonomy":"price_range","embeddable":true,"href":"https:\/\/itayachtscanada.com\/fr\/wp-json\/wp\/v2\/price_range?post=292069"},{"taxonomy":"localisations","embeddable":true,"href":"https:\/\/itayachtscanada.com\/fr\/wp-json\/wp\/v2\/localisations?post=292069"},{"taxonomy":"numyacht","embeddable":true,"href":"https:\/\/itayachtscanada.com\/fr\/wp-json\/wp\/v2\/numyacht?post=292069"},{"taxonomy":"datevente","embeddable":true,"href":"https:\/\/itayachtscanada.com\/fr\/wp-json\/wp\/v2\/datevente?post=292069"},{"taxonomy":"country","embeddable":true,"href":"https:\/\/itayachtscanada.com\/fr\/wp-json\/wp\/v2\/country?post=292069"},{"taxonomy":"states","embeddable":true,"href":"https:\/\/itayachtscanada.com\/fr\/wp-json\/wp\/v2\/states?post=292069"},{"taxonomy":"city","embeddable":true,"href":"https:\/\/itayachtscanada.com\/fr\/wp-json\/wp\/v2\/city?post=292069"},{"taxonomy":"fresh-water-boat","embeddable":true,"href":"https:\/\/itayachtscanada.com\/fr\/wp-json\/wp\/v2\/fresh-water-boat?post=292069"},{"taxonomy":"broker","embeddable":true,"href":"https:\/\/itayachtscanada.com\/fr\/wp-json\/wp\/v2\/broker?post=292069"},{"taxonomy":"migration","embeddable":true,"href":"https:\/\/itayachtscanada.com\/fr\/wp-json\/wp\/v2\/migration?post=292069"}],"curies":[{"name":"wp","href":"https:\/\/api.w.org\/{rel}","templated":true}]}}