{"id":288804,"date":"2025-08-28T12:40:00","date_gmt":"2025-08-28T16:40:00","guid":{"rendered":"https:\/\/itayachtscanada.com\/?post_type=listing&#038;p=288804"},"modified":"2026-03-24T10:59:10","modified_gmt":"2026-03-24T14:59:10","slug":"absolute-navetta-58-2022-1985000-usd-for-sale","status":"publish","type":"listing","link":"https:\/\/itayachtscanada.com\/fr\/listing\/absolute-navetta-58-2022-1985000-usd-for-sale\/","title":{"rendered":"Absolute Navetta 58 2022 $1,795,000 usd \u00e0 vendre"},"content":{"rendered":"<p>OFF MARKET (retir\u00e9 de la vente)<\/p>\n<p><strong>Absolute Navetta 58 2022 $1,795,000 usd \u00e0 vendre<\/strong><\/p>\n<p>Absolute s&rsquo;inspire des personnes qui aiment, respectent, connaissent et poss\u00e8dent la mer, tout comme les vrais loups de mer peuvent le faire. C&rsquo;est ainsi qu&rsquo;est n\u00e9 le Navetta 58, la r\u00e9ponse ad\u00e9quate dans de nombreux cas. C&rsquo;est un vrai bateau.<\/p>\n<p>Le Navetta 58 affiche fi\u00e8rement une apparence robuste, mais peut imm\u00e9diatement vous accueillir en toute s\u00e9curit\u00e9. L&rsquo;acc\u00e8s \u00e0 bord peut se faire par l&rsquo;une des quatre entr\u00e9es, dont deux se trouvent sur la plate-forme arri\u00e8re et deux directement depuis les passages lat\u00e9raux. Le sentiment de s\u00e9curit\u00e9 est renforc\u00e9 par les hauts pavois lat\u00e9raux et par le plat-bord de protection qui longe tout le bord du pont principal et du flybridge ; des mains courantes sont disponibles le long de tous les passages, le pont est en teck et les surfaces sont antid\u00e9rapantes, sans marches jusqu&rsquo;\u00e0 la porte lat\u00e9rale du poste de pilotage.<\/p>\n<h3>Cet Absolute 58 Navetta est situ\u00e9 dans le Maryland. Veuillez nous contacter au 514-521-1221 pour obtenir tous les d\u00e9tails sur cet Absolute Yachts 58 Navetta. Notre bureau est situ\u00e9 dans la banlieue de Montr\u00e9al.<\/h3>\n<p><a href=\"https:\/\/itayachtscanada.com\/fr\/virtuals_visits\/absolute-yacht-navetta-58\/\">Cliquez ici<\/a> pour une visite virtuelle de l&rsquo;Absolute 58 Navetta.<\/p>\n<p>Dimensions<br \/>\nLongueur hors tout : 58 pieds<br \/>\nLargeur : 16 pi 6 po<br \/>\nVitesse<br \/>\nVitesse de croisi\u00e8re : 22 n\u0153uds \u00e0 tr\/min<br \/>\nVitesse de coque : 27 n\u0153uds \u00e0 tr\/min<br \/>\nAutonomie : 300 milles marins<br \/>\nR\u00e9servoirs<br \/>\nCarburant : 1 (634 gal)<br \/>\nEau douce : 1 (158 gal)<br \/>\nH\u00e9bergement<br \/>\nCabines invit\u00e9s : 4<br \/>\nSalles de bain invit\u00e9s : 3<\/p>\n<p>&nbsp;<\/p>\n<p>MOTEURS<\/p>\n<p>Volvo D8 800 IPS (moteur 1)<br \/>\nType de moteur : autre<br \/>\nType de carburant : diesel<br \/>\nHeures moteur : 627<br \/>\nPuissance : 600 ch<br \/>\nType de transmission : pod drive<\/p>\n<p>Volvo D8 800 IPS (moteur 2)<br \/>\nType de moteur : autre<br \/>\nType de carburant : diesel<br \/>\nHeures moteur : 627<br \/>\nPuissance : 600 ch<\/p>\n<div class=\"html-content-description\">\n<div class=\"content-box\">\n<div class=\"column-container cols-3\">\n<div class=\"column\">\n<div class=\"column-item\">\n<div class=\"content-box\">\n<div class=\"column-container cols-3\">\n<div class=\"column\">\n<div class=\"column-item\">\n<div><\/div>\n<div>\n<div data-carousel-extra='{&quot;blog_id&quot;:1,&quot;permalink&quot;:&quot;https:\/\/itayachtscanada.com\/fr\/listing\/absolute-navetta-58-2022-1985000-usd-for-sale\/&quot;}' id='gallery-1' class='gallery galleryid-288804 gallery-columns-3 gallery-size-medium'><figure class='gallery-item'>\n\t\t\t<div class='gallery-icon landscape'>\n\t\t\t\t<a href='https:\/\/itayachtscanada.com\/fr\/listing\/absolute-navetta-58-2022-1985000-usd-for-sale\/capture-decran-le-2025-08-28-a-12-07-42\/'><img loading=\"lazy\" decoding=\"async\" width=\"300\" height=\"197\" src=\"https:\/\/i0.wp.com\/itayachtscanada.com\/wp-content\/uploads\/2025\/08\/Capture-decran-le-2025-08-28-a-12.07.42.jpg?fit=300%2C197&amp;ssl=1\" class=\"attachment-medium size-medium\" alt=\"\" srcset=\"https:\/\/i0.wp.com\/itayachtscanada.com\/wp-content\/uploads\/2025\/08\/Capture-decran-le-2025-08-28-a-12.07.42.jpg?w=1318&amp;ssl=1 1318w, https:\/\/i0.wp.com\/itayachtscanada.com\/wp-content\/uploads\/2025\/08\/Capture-decran-le-2025-08-28-a-12.07.42.jpg?resize=300%2C197&amp;ssl=1 300w, https:\/\/i0.wp.com\/itayachtscanada.com\/wp-content\/uploads\/2025\/08\/Capture-decran-le-2025-08-28-a-12.07.42.jpg?resize=1024%2C673&amp;ssl=1 1024w, https:\/\/i0.wp.com\/itayachtscanada.com\/wp-content\/uploads\/2025\/08\/Capture-decran-le-2025-08-28-a-12.07.42.jpg?resize=768%2C505&amp;ssl=1 768w, https:\/\/i0.wp.com\/itayachtscanada.com\/wp-content\/uploads\/2025\/08\/Capture-decran-le-2025-08-28-a-12.07.42.jpg?resize=700%2C460&amp;ssl=1 700w, https:\/\/i0.wp.com\/itayachtscanada.com\/wp-content\/uploads\/2025\/08\/Capture-decran-le-2025-08-28-a-12.07.42.jpg?resize=609%2C400&amp;ssl=1 609w\" sizes=\"auto, (max-width: 300px) 100vw, 300px\" data-attachment-id=\"288808\" data-permalink=\"https:\/\/itayachtscanada.com\/fr\/listing\/absolute-navetta-58-2022-1985000-usd-for-sale\/capture-decran-le-2025-08-28-a-12-07-42\/\" data-orig-file=\"https:\/\/i0.wp.com\/itayachtscanada.com\/wp-content\/uploads\/2025\/08\/Capture-decran-le-2025-08-28-a-12.07.42.jpg?fit=1318%2C866&amp;ssl=1\" data-orig-size=\"1318,866\" data-comments-opened=\"1\" data-image-meta=\"{&quot;aperture&quot;:&quot;0&quot;,&quot;credit&quot;:&quot;&quot;,&quot;camera&quot;:&quot;&quot;,&quot;caption&quot;:&quot;&quot;,&quot;created_timestamp&quot;:&quot;0&quot;,&quot;copyright&quot;:&quot;&quot;,&quot;focal_length&quot;:&quot;0&quot;,&quot;iso&quot;:&quot;0&quot;,&quot;shutter_speed&quot;:&quot;0&quot;,&quot;title&quot;:&quot;&quot;,&quot;orientation&quot;:&quot;0&quot;}\" data-image-title=\"Capture d\u2019e\u0301cran, le 2025-08-28 a\u0300 12.07.42\" data-image-description=\"\" data-image-caption=\"\" data-large-file=\"https:\/\/i0.wp.com\/itayachtscanada.com\/wp-content\/uploads\/2025\/08\/Capture-decran-le-2025-08-28-a-12.07.42.jpg?fit=700%2C460&amp;ssl=1\" \/><\/a>\n\t\t\t<\/div><\/figure><figure class='gallery-item'>\n\t\t\t<div class='gallery-icon landscape'>\n\t\t\t\t<a href='https:\/\/itayachtscanada.com\/fr\/listing\/absolute-navetta-58-2022-1985000-usd-for-sale\/capture-decran-le-2025-08-28-a-12-07-27\/'><img loading=\"lazy\" decoding=\"async\" width=\"300\" height=\"197\" src=\"https:\/\/i0.wp.com\/itayachtscanada.com\/wp-content\/uploads\/2025\/08\/Capture-decran-le-2025-08-28-a-12.07.27.jpg?fit=300%2C197&amp;ssl=1\" class=\"attachment-medium size-medium\" alt=\"\" srcset=\"https:\/\/i0.wp.com\/itayachtscanada.com\/wp-content\/uploads\/2025\/08\/Capture-decran-le-2025-08-28-a-12.07.27.jpg?w=1318&amp;ssl=1 1318w, https:\/\/i0.wp.com\/itayachtscanada.com\/wp-content\/uploads\/2025\/08\/Capture-decran-le-2025-08-28-a-12.07.27.jpg?resize=300%2C197&amp;ssl=1 300w, https:\/\/i0.wp.com\/itayachtscanada.com\/wp-content\/uploads\/2025\/08\/Capture-decran-le-2025-08-28-a-12.07.27.jpg?resize=1024%2C673&amp;ssl=1 1024w, https:\/\/i0.wp.com\/itayachtscanada.com\/wp-content\/uploads\/2025\/08\/Capture-decran-le-2025-08-28-a-12.07.27.jpg?resize=768%2C505&amp;ssl=1 768w, https:\/\/i0.wp.com\/itayachtscanada.com\/wp-content\/uploads\/2025\/08\/Capture-decran-le-2025-08-28-a-12.07.27.jpg?resize=700%2C460&amp;ssl=1 700w, https:\/\/i0.wp.com\/itayachtscanada.com\/wp-content\/uploads\/2025\/08\/Capture-decran-le-2025-08-28-a-12.07.27.jpg?resize=609%2C400&amp;ssl=1 609w\" sizes=\"auto, (max-width: 300px) 100vw, 300px\" data-attachment-id=\"288811\" data-permalink=\"https:\/\/itayachtscanada.com\/fr\/listing\/absolute-navetta-58-2022-1985000-usd-for-sale\/capture-decran-le-2025-08-28-a-12-07-27\/\" data-orig-file=\"https:\/\/i0.wp.com\/itayachtscanada.com\/wp-content\/uploads\/2025\/08\/Capture-decran-le-2025-08-28-a-12.07.27.jpg?fit=1318%2C866&amp;ssl=1\" data-orig-size=\"1318,866\" data-comments-opened=\"1\" data-image-meta=\"{&quot;aperture&quot;:&quot;0&quot;,&quot;credit&quot;:&quot;&quot;,&quot;camera&quot;:&quot;&quot;,&quot;caption&quot;:&quot;&quot;,&quot;created_timestamp&quot;:&quot;0&quot;,&quot;copyright&quot;:&quot;&quot;,&quot;focal_length&quot;:&quot;0&quot;,&quot;iso&quot;:&quot;0&quot;,&quot;shutter_speed&quot;:&quot;0&quot;,&quot;title&quot;:&quot;&quot;,&quot;orientation&quot;:&quot;0&quot;}\" data-image-title=\"Capture d\u2019e\u0301cran, le 2025-08-28 a\u0300 12.07.27\" data-image-description=\"\" data-image-caption=\"\" data-large-file=\"https:\/\/i0.wp.com\/itayachtscanada.com\/wp-content\/uploads\/2025\/08\/Capture-decran-le-2025-08-28-a-12.07.27.jpg?fit=700%2C460&amp;ssl=1\" \/><\/a>\n\t\t\t<\/div><\/figure><figure class='gallery-item'>\n\t\t\t<div class='gallery-icon landscape'>\n\t\t\t\t<a href='https:\/\/itayachtscanada.com\/fr\/listing\/absolute-navetta-58-2022-1985000-usd-for-sale\/capture-decran-le-2025-08-28-a-12-07-22\/'><img loading=\"lazy\" decoding=\"async\" width=\"300\" height=\"197\" src=\"https:\/\/i0.wp.com\/itayachtscanada.com\/wp-content\/uploads\/2025\/08\/Capture-decran-le-2025-08-28-a-12.07.22.jpg?fit=300%2C197&amp;ssl=1\" class=\"attachment-medium size-medium\" alt=\"\" srcset=\"https:\/\/i0.wp.com\/itayachtscanada.com\/wp-content\/uploads\/2025\/08\/Capture-decran-le-2025-08-28-a-12.07.22.jpg?w=1318&amp;ssl=1 1318w, https:\/\/i0.wp.com\/itayachtscanada.com\/wp-content\/uploads\/2025\/08\/Capture-decran-le-2025-08-28-a-12.07.22.jpg?resize=300%2C197&amp;ssl=1 300w, https:\/\/i0.wp.com\/itayachtscanada.com\/wp-content\/uploads\/2025\/08\/Capture-decran-le-2025-08-28-a-12.07.22.jpg?resize=1024%2C673&amp;ssl=1 1024w, https:\/\/i0.wp.com\/itayachtscanada.com\/wp-content\/uploads\/2025\/08\/Capture-decran-le-2025-08-28-a-12.07.22.jpg?resize=768%2C505&amp;ssl=1 768w, https:\/\/i0.wp.com\/itayachtscanada.com\/wp-content\/uploads\/2025\/08\/Capture-decran-le-2025-08-28-a-12.07.22.jpg?resize=700%2C460&amp;ssl=1 700w, https:\/\/i0.wp.com\/itayachtscanada.com\/wp-content\/uploads\/2025\/08\/Capture-decran-le-2025-08-28-a-12.07.22.jpg?resize=609%2C400&amp;ssl=1 609w\" sizes=\"auto, (max-width: 300px) 100vw, 300px\" data-attachment-id=\"288812\" data-permalink=\"https:\/\/itayachtscanada.com\/fr\/listing\/absolute-navetta-58-2022-1985000-usd-for-sale\/capture-decran-le-2025-08-28-a-12-07-22\/\" data-orig-file=\"https:\/\/i0.wp.com\/itayachtscanada.com\/wp-content\/uploads\/2025\/08\/Capture-decran-le-2025-08-28-a-12.07.22.jpg?fit=1318%2C866&amp;ssl=1\" data-orig-size=\"1318,866\" data-comments-opened=\"1\" data-image-meta=\"{&quot;aperture&quot;:&quot;0&quot;,&quot;credit&quot;:&quot;&quot;,&quot;camera&quot;:&quot;&quot;,&quot;caption&quot;:&quot;&quot;,&quot;created_timestamp&quot;:&quot;0&quot;,&quot;copyright&quot;:&quot;&quot;,&quot;focal_length&quot;:&quot;0&quot;,&quot;iso&quot;:&quot;0&quot;,&quot;shutter_speed&quot;:&quot;0&quot;,&quot;title&quot;:&quot;&quot;,&quot;orientation&quot;:&quot;0&quot;}\" data-image-title=\"Capture d\u2019e\u0301cran, le 2025-08-28 a\u0300 12.07.22\" data-image-description=\"\" data-image-caption=\"\" data-large-file=\"https:\/\/i0.wp.com\/itayachtscanada.com\/wp-content\/uploads\/2025\/08\/Capture-decran-le-2025-08-28-a-12.07.22.jpg?fit=700%2C460&amp;ssl=1\" \/><\/a>\n\t\t\t<\/div><\/figure><figure class='gallery-item'>\n\t\t\t<div class='gallery-icon portrait'>\n\t\t\t\t<a href='https:\/\/itayachtscanada.com\/fr\/listing\/absolute-navetta-58-2022-1985000-usd-for-sale\/capture-decran-le-2025-08-28-a-12-06-47\/'><img loading=\"lazy\" decoding=\"async\" width=\"202\" height=\"300\" src=\"https:\/\/i0.wp.com\/itayachtscanada.com\/wp-content\/uploads\/2025\/08\/Capture-decran-le-2025-08-28-a-12.06.47.jpg?fit=202%2C300&amp;ssl=1\" class=\"attachment-medium size-medium\" alt=\"\" srcset=\"https:\/\/i0.wp.com\/itayachtscanada.com\/wp-content\/uploads\/2025\/08\/Capture-decran-le-2025-08-28-a-12.06.47.jpg?w=584&amp;ssl=1 584w, https:\/\/i0.wp.com\/itayachtscanada.com\/wp-content\/uploads\/2025\/08\/Capture-decran-le-2025-08-28-a-12.06.47.jpg?resize=202%2C300&amp;ssl=1 202w, https:\/\/i0.wp.com\/itayachtscanada.com\/wp-content\/uploads\/2025\/08\/Capture-decran-le-2025-08-28-a-12.06.47.jpg?resize=270%2C400&amp;ssl=1 270w\" sizes=\"auto, (max-width: 202px) 100vw, 202px\" data-attachment-id=\"288816\" data-permalink=\"https:\/\/itayachtscanada.com\/fr\/listing\/absolute-navetta-58-2022-1985000-usd-for-sale\/capture-decran-le-2025-08-28-a-12-06-47\/\" data-orig-file=\"https:\/\/i0.wp.com\/itayachtscanada.com\/wp-content\/uploads\/2025\/08\/Capture-decran-le-2025-08-28-a-12.06.47.jpg?fit=584%2C866&amp;ssl=1\" data-orig-size=\"584,866\" data-comments-opened=\"1\" data-image-meta=\"{&quot;aperture&quot;:&quot;0&quot;,&quot;credit&quot;:&quot;&quot;,&quot;camera&quot;:&quot;&quot;,&quot;caption&quot;:&quot;&quot;,&quot;created_timestamp&quot;:&quot;0&quot;,&quot;copyright&quot;:&quot;&quot;,&quot;focal_length&quot;:&quot;0&quot;,&quot;iso&quot;:&quot;0&quot;,&quot;shutter_speed&quot;:&quot;0&quot;,&quot;title&quot;:&quot;&quot;,&quot;orientation&quot;:&quot;0&quot;}\" data-image-title=\"Capture d\u2019e\u0301cran, le 2025-08-28 a\u0300 12.06.47\" data-image-description=\"\" data-image-caption=\"\" data-large-file=\"https:\/\/i0.wp.com\/itayachtscanada.com\/wp-content\/uploads\/2025\/08\/Capture-decran-le-2025-08-28-a-12.06.47.jpg?fit=584%2C866&amp;ssl=1\" \/><\/a>\n\t\t\t<\/div><\/figure><figure class='gallery-item'>\n\t\t\t<div class='gallery-icon landscape'>\n\t\t\t\t<a href='https:\/\/itayachtscanada.com\/fr\/listing\/absolute-navetta-58-2022-1985000-usd-for-sale\/capture-decran-le-2025-08-28-a-12-06-38\/'><img loading=\"lazy\" decoding=\"async\" width=\"300\" height=\"197\" src=\"https:\/\/i0.wp.com\/itayachtscanada.com\/wp-content\/uploads\/2025\/08\/Capture-decran-le-2025-08-28-a-12.06.38.jpg?fit=300%2C197&amp;ssl=1\" class=\"attachment-medium size-medium\" alt=\"\" srcset=\"https:\/\/i0.wp.com\/itayachtscanada.com\/wp-content\/uploads\/2025\/08\/Capture-decran-le-2025-08-28-a-12.06.38.jpg?w=1316&amp;ssl=1 1316w, https:\/\/i0.wp.com\/itayachtscanada.com\/wp-content\/uploads\/2025\/08\/Capture-decran-le-2025-08-28-a-12.06.38.jpg?resize=300%2C197&amp;ssl=1 300w, https:\/\/i0.wp.com\/itayachtscanada.com\/wp-content\/uploads\/2025\/08\/Capture-decran-le-2025-08-28-a-12.06.38.jpg?resize=1024%2C674&amp;ssl=1 1024w, https:\/\/i0.wp.com\/itayachtscanada.com\/wp-content\/uploads\/2025\/08\/Capture-decran-le-2025-08-28-a-12.06.38.jpg?resize=768%2C505&amp;ssl=1 768w, https:\/\/i0.wp.com\/itayachtscanada.com\/wp-content\/uploads\/2025\/08\/Capture-decran-le-2025-08-28-a-12.06.38.jpg?resize=700%2C461&amp;ssl=1 700w, https:\/\/i0.wp.com\/itayachtscanada.com\/wp-content\/uploads\/2025\/08\/Capture-decran-le-2025-08-28-a-12.06.38.jpg?resize=608%2C400&amp;ssl=1 608w\" sizes=\"auto, (max-width: 300px) 100vw, 300px\" data-attachment-id=\"288818\" data-permalink=\"https:\/\/itayachtscanada.com\/fr\/listing\/absolute-navetta-58-2022-1985000-usd-for-sale\/capture-decran-le-2025-08-28-a-12-06-38\/\" data-orig-file=\"https:\/\/i0.wp.com\/itayachtscanada.com\/wp-content\/uploads\/2025\/08\/Capture-decran-le-2025-08-28-a-12.06.38.jpg?fit=1316%2C866&amp;ssl=1\" data-orig-size=\"1316,866\" data-comments-opened=\"1\" data-image-meta=\"{&quot;aperture&quot;:&quot;0&quot;,&quot;credit&quot;:&quot;&quot;,&quot;camera&quot;:&quot;&quot;,&quot;caption&quot;:&quot;&quot;,&quot;created_timestamp&quot;:&quot;0&quot;,&quot;copyright&quot;:&quot;&quot;,&quot;focal_length&quot;:&quot;0&quot;,&quot;iso&quot;:&quot;0&quot;,&quot;shutter_speed&quot;:&quot;0&quot;,&quot;title&quot;:&quot;&quot;,&quot;orientation&quot;:&quot;0&quot;}\" data-image-title=\"Capture d\u2019e\u0301cran, le 2025-08-28 a\u0300 12.06.38\" data-image-description=\"\" data-image-caption=\"\" data-large-file=\"https:\/\/i0.wp.com\/itayachtscanada.com\/wp-content\/uploads\/2025\/08\/Capture-decran-le-2025-08-28-a-12.06.38.jpg?fit=700%2C461&amp;ssl=1\" \/><\/a>\n\t\t\t<\/div><\/figure><figure class='gallery-item'>\n\t\t\t<div class='gallery-icon landscape'>\n\t\t\t\t<a href='https:\/\/itayachtscanada.com\/fr\/listing\/absolute-navetta-58-2022-1985000-usd-for-sale\/capture-decran-le-2025-08-28-a-12-06-42\/'><img loading=\"lazy\" decoding=\"async\" width=\"300\" height=\"197\" src=\"https:\/\/i0.wp.com\/itayachtscanada.com\/wp-content\/uploads\/2025\/08\/Capture-decran-le-2025-08-28-a-12.06.42.jpg?fit=300%2C197&amp;ssl=1\" class=\"attachment-medium size-medium\" alt=\"\" srcset=\"https:\/\/i0.wp.com\/itayachtscanada.com\/wp-content\/uploads\/2025\/08\/Capture-decran-le-2025-08-28-a-12.06.42.jpg?w=1316&amp;ssl=1 1316w, https:\/\/i0.wp.com\/itayachtscanada.com\/wp-content\/uploads\/2025\/08\/Capture-decran-le-2025-08-28-a-12.06.42.jpg?resize=300%2C197&amp;ssl=1 300w, https:\/\/i0.wp.com\/itayachtscanada.com\/wp-content\/uploads\/2025\/08\/Capture-decran-le-2025-08-28-a-12.06.42.jpg?resize=1024%2C674&amp;ssl=1 1024w, https:\/\/i0.wp.com\/itayachtscanada.com\/wp-content\/uploads\/2025\/08\/Capture-decran-le-2025-08-28-a-12.06.42.jpg?resize=768%2C505&amp;ssl=1 768w, https:\/\/i0.wp.com\/itayachtscanada.com\/wp-content\/uploads\/2025\/08\/Capture-decran-le-2025-08-28-a-12.06.42.jpg?resize=700%2C461&amp;ssl=1 700w, https:\/\/i0.wp.com\/itayachtscanada.com\/wp-content\/uploads\/2025\/08\/Capture-decran-le-2025-08-28-a-12.06.42.jpg?resize=608%2C400&amp;ssl=1 608w\" sizes=\"auto, (max-width: 300px) 100vw, 300px\" data-attachment-id=\"288817\" data-permalink=\"https:\/\/itayachtscanada.com\/fr\/listing\/absolute-navetta-58-2022-1985000-usd-for-sale\/capture-decran-le-2025-08-28-a-12-06-42\/\" data-orig-file=\"https:\/\/i0.wp.com\/itayachtscanada.com\/wp-content\/uploads\/2025\/08\/Capture-decran-le-2025-08-28-a-12.06.42.jpg?fit=1316%2C866&amp;ssl=1\" data-orig-size=\"1316,866\" data-comments-opened=\"1\" data-image-meta=\"{&quot;aperture&quot;:&quot;0&quot;,&quot;credit&quot;:&quot;&quot;,&quot;camera&quot;:&quot;&quot;,&quot;caption&quot;:&quot;&quot;,&quot;created_timestamp&quot;:&quot;0&quot;,&quot;copyright&quot;:&quot;&quot;,&quot;focal_length&quot;:&quot;0&quot;,&quot;iso&quot;:&quot;0&quot;,&quot;shutter_speed&quot;:&quot;0&quot;,&quot;title&quot;:&quot;&quot;,&quot;orientation&quot;:&quot;0&quot;}\" data-image-title=\"Capture d\u2019e\u0301cran, le 2025-08-28 a\u0300 12.06.42\" data-image-description=\"\" data-image-caption=\"\" data-large-file=\"https:\/\/i0.wp.com\/itayachtscanada.com\/wp-content\/uploads\/2025\/08\/Capture-decran-le-2025-08-28-a-12.06.42.jpg?fit=700%2C461&amp;ssl=1\" \/><\/a>\n\t\t\t<\/div><\/figure><figure class='gallery-item'>\n\t\t\t<div class='gallery-icon landscape'>\n\t\t\t\t<a href='https:\/\/itayachtscanada.com\/fr\/listing\/absolute-navetta-58-2022-1985000-usd-for-sale\/capture-decran-le-2025-08-28-a-12-06-56\/'><img loading=\"lazy\" decoding=\"async\" width=\"300\" height=\"197\" src=\"https:\/\/i0.wp.com\/itayachtscanada.com\/wp-content\/uploads\/2025\/08\/Capture-decran-le-2025-08-28-a-12.06.56.jpg?fit=300%2C197&amp;ssl=1\" class=\"attachment-medium size-medium\" alt=\"\" srcset=\"https:\/\/i0.wp.com\/itayachtscanada.com\/wp-content\/uploads\/2025\/08\/Capture-decran-le-2025-08-28-a-12.06.56.jpg?w=1318&amp;ssl=1 1318w, https:\/\/i0.wp.com\/itayachtscanada.com\/wp-content\/uploads\/2025\/08\/Capture-decran-le-2025-08-28-a-12.06.56.jpg?resize=300%2C197&amp;ssl=1 300w, https:\/\/i0.wp.com\/itayachtscanada.com\/wp-content\/uploads\/2025\/08\/Capture-decran-le-2025-08-28-a-12.06.56.jpg?resize=1024%2C673&amp;ssl=1 1024w, https:\/\/i0.wp.com\/itayachtscanada.com\/wp-content\/uploads\/2025\/08\/Capture-decran-le-2025-08-28-a-12.06.56.jpg?resize=768%2C505&amp;ssl=1 768w, https:\/\/i0.wp.com\/itayachtscanada.com\/wp-content\/uploads\/2025\/08\/Capture-decran-le-2025-08-28-a-12.06.56.jpg?resize=700%2C460&amp;ssl=1 700w, https:\/\/i0.wp.com\/itayachtscanada.com\/wp-content\/uploads\/2025\/08\/Capture-decran-le-2025-08-28-a-12.06.56.jpg?resize=609%2C400&amp;ssl=1 609w\" sizes=\"auto, (max-width: 300px) 100vw, 300px\" data-attachment-id=\"288815\" data-permalink=\"https:\/\/itayachtscanada.com\/fr\/listing\/absolute-navetta-58-2022-1985000-usd-for-sale\/capture-decran-le-2025-08-28-a-12-06-56\/\" data-orig-file=\"https:\/\/i0.wp.com\/itayachtscanada.com\/wp-content\/uploads\/2025\/08\/Capture-decran-le-2025-08-28-a-12.06.56.jpg?fit=1318%2C866&amp;ssl=1\" data-orig-size=\"1318,866\" data-comments-opened=\"1\" data-image-meta=\"{&quot;aperture&quot;:&quot;0&quot;,&quot;credit&quot;:&quot;&quot;,&quot;camera&quot;:&quot;&quot;,&quot;caption&quot;:&quot;&quot;,&quot;created_timestamp&quot;:&quot;0&quot;,&quot;copyright&quot;:&quot;&quot;,&quot;focal_length&quot;:&quot;0&quot;,&quot;iso&quot;:&quot;0&quot;,&quot;shutter_speed&quot;:&quot;0&quot;,&quot;title&quot;:&quot;&quot;,&quot;orientation&quot;:&quot;0&quot;}\" data-image-title=\"Capture d\u2019e\u0301cran, le 2025-08-28 a\u0300 12.06.56\" data-image-description=\"\" data-image-caption=\"\" data-large-file=\"https:\/\/i0.wp.com\/itayachtscanada.com\/wp-content\/uploads\/2025\/08\/Capture-decran-le-2025-08-28-a-12.06.56.jpg?fit=700%2C460&amp;ssl=1\" \/><\/a>\n\t\t\t<\/div><\/figure><figure class='gallery-item'>\n\t\t\t<div class='gallery-icon landscape'>\n\t\t\t\t<a href='https:\/\/itayachtscanada.com\/fr\/listing\/absolute-navetta-58-2022-1985000-usd-for-sale\/capture-decran-le-2025-08-28-a-12-07-06\/'><img loading=\"lazy\" decoding=\"async\" width=\"300\" height=\"197\" src=\"https:\/\/i0.wp.com\/itayachtscanada.com\/wp-content\/uploads\/2025\/08\/Capture-decran-le-2025-08-28-a-12.07.06.jpg?fit=300%2C197&amp;ssl=1\" class=\"attachment-medium size-medium\" alt=\"\" srcset=\"https:\/\/i0.wp.com\/itayachtscanada.com\/wp-content\/uploads\/2025\/08\/Capture-decran-le-2025-08-28-a-12.07.06.jpg?w=1318&amp;ssl=1 1318w, https:\/\/i0.wp.com\/itayachtscanada.com\/wp-content\/uploads\/2025\/08\/Capture-decran-le-2025-08-28-a-12.07.06.jpg?resize=300%2C197&amp;ssl=1 300w, https:\/\/i0.wp.com\/itayachtscanada.com\/wp-content\/uploads\/2025\/08\/Capture-decran-le-2025-08-28-a-12.07.06.jpg?resize=1024%2C673&amp;ssl=1 1024w, https:\/\/i0.wp.com\/itayachtscanada.com\/wp-content\/uploads\/2025\/08\/Capture-decran-le-2025-08-28-a-12.07.06.jpg?resize=768%2C505&amp;ssl=1 768w, https:\/\/i0.wp.com\/itayachtscanada.com\/wp-content\/uploads\/2025\/08\/Capture-decran-le-2025-08-28-a-12.07.06.jpg?resize=700%2C460&amp;ssl=1 700w, https:\/\/i0.wp.com\/itayachtscanada.com\/wp-content\/uploads\/2025\/08\/Capture-decran-le-2025-08-28-a-12.07.06.jpg?resize=609%2C400&amp;ssl=1 609w\" sizes=\"auto, (max-width: 300px) 100vw, 300px\" data-attachment-id=\"288814\" data-permalink=\"https:\/\/itayachtscanada.com\/fr\/listing\/absolute-navetta-58-2022-1985000-usd-for-sale\/capture-decran-le-2025-08-28-a-12-07-06\/\" data-orig-file=\"https:\/\/i0.wp.com\/itayachtscanada.com\/wp-content\/uploads\/2025\/08\/Capture-decran-le-2025-08-28-a-12.07.06.jpg?fit=1318%2C866&amp;ssl=1\" data-orig-size=\"1318,866\" data-comments-opened=\"1\" data-image-meta=\"{&quot;aperture&quot;:&quot;0&quot;,&quot;credit&quot;:&quot;&quot;,&quot;camera&quot;:&quot;&quot;,&quot;caption&quot;:&quot;&quot;,&quot;created_timestamp&quot;:&quot;0&quot;,&quot;copyright&quot;:&quot;&quot;,&quot;focal_length&quot;:&quot;0&quot;,&quot;iso&quot;:&quot;0&quot;,&quot;shutter_speed&quot;:&quot;0&quot;,&quot;title&quot;:&quot;&quot;,&quot;orientation&quot;:&quot;0&quot;}\" data-image-title=\"Capture d\u2019e\u0301cran, le 2025-08-28 a\u0300 12.07.06\" data-image-description=\"\" data-image-caption=\"\" data-large-file=\"https:\/\/i0.wp.com\/itayachtscanada.com\/wp-content\/uploads\/2025\/08\/Capture-decran-le-2025-08-28-a-12.07.06.jpg?fit=700%2C460&amp;ssl=1\" \/><\/a>\n\t\t\t<\/div><\/figure><figure class='gallery-item'>\n\t\t\t<div class='gallery-icon landscape'>\n\t\t\t\t<a href='https:\/\/itayachtscanada.com\/fr\/listing\/absolute-navetta-58-2022-1985000-usd-for-sale\/capture-decran-le-2025-08-28-a-12-07-18\/'><img loading=\"lazy\" decoding=\"async\" width=\"300\" height=\"197\" src=\"https:\/\/i0.wp.com\/itayachtscanada.com\/wp-content\/uploads\/2025\/08\/Capture-decran-le-2025-08-28-a-12.07.18.jpg?fit=300%2C197&amp;ssl=1\" class=\"attachment-medium size-medium\" alt=\"\" srcset=\"https:\/\/i0.wp.com\/itayachtscanada.com\/wp-content\/uploads\/2025\/08\/Capture-decran-le-2025-08-28-a-12.07.18.jpg?w=1318&amp;ssl=1 1318w, https:\/\/i0.wp.com\/itayachtscanada.com\/wp-content\/uploads\/2025\/08\/Capture-decran-le-2025-08-28-a-12.07.18.jpg?resize=300%2C197&amp;ssl=1 300w, https:\/\/i0.wp.com\/itayachtscanada.com\/wp-content\/uploads\/2025\/08\/Capture-decran-le-2025-08-28-a-12.07.18.jpg?resize=1024%2C673&amp;ssl=1 1024w, https:\/\/i0.wp.com\/itayachtscanada.com\/wp-content\/uploads\/2025\/08\/Capture-decran-le-2025-08-28-a-12.07.18.jpg?resize=768%2C505&amp;ssl=1 768w, https:\/\/i0.wp.com\/itayachtscanada.com\/wp-content\/uploads\/2025\/08\/Capture-decran-le-2025-08-28-a-12.07.18.jpg?resize=700%2C460&amp;ssl=1 700w, https:\/\/i0.wp.com\/itayachtscanada.com\/wp-content\/uploads\/2025\/08\/Capture-decran-le-2025-08-28-a-12.07.18.jpg?resize=609%2C400&amp;ssl=1 609w\" sizes=\"auto, (max-width: 300px) 100vw, 300px\" data-attachment-id=\"288813\" data-permalink=\"https:\/\/itayachtscanada.com\/fr\/listing\/absolute-navetta-58-2022-1985000-usd-for-sale\/capture-decran-le-2025-08-28-a-12-07-18\/\" data-orig-file=\"https:\/\/i0.wp.com\/itayachtscanada.com\/wp-content\/uploads\/2025\/08\/Capture-decran-le-2025-08-28-a-12.07.18.jpg?fit=1318%2C866&amp;ssl=1\" data-orig-size=\"1318,866\" data-comments-opened=\"1\" data-image-meta=\"{&quot;aperture&quot;:&quot;0&quot;,&quot;credit&quot;:&quot;&quot;,&quot;camera&quot;:&quot;&quot;,&quot;caption&quot;:&quot;&quot;,&quot;created_timestamp&quot;:&quot;0&quot;,&quot;copyright&quot;:&quot;&quot;,&quot;focal_length&quot;:&quot;0&quot;,&quot;iso&quot;:&quot;0&quot;,&quot;shutter_speed&quot;:&quot;0&quot;,&quot;title&quot;:&quot;&quot;,&quot;orientation&quot;:&quot;0&quot;}\" data-image-title=\"Capture d\u2019e\u0301cran, le 2025-08-28 a\u0300 12.07.18\" data-image-description=\"\" data-image-caption=\"\" data-large-file=\"https:\/\/i0.wp.com\/itayachtscanada.com\/wp-content\/uploads\/2025\/08\/Capture-decran-le-2025-08-28-a-12.07.18.jpg?fit=700%2C460&amp;ssl=1\" \/><\/a>\n\t\t\t<\/div><\/figure><figure class='gallery-item'>\n\t\t\t<div class='gallery-icon landscape'>\n\t\t\t\t<a href='https:\/\/itayachtscanada.com\/fr\/listing\/absolute-navetta-58-2022-1985000-usd-for-sale\/capture-decran-le-2025-08-28-a-12-07-46\/'><img loading=\"lazy\" decoding=\"async\" width=\"300\" height=\"197\" src=\"https:\/\/i0.wp.com\/itayachtscanada.com\/wp-content\/uploads\/2025\/08\/Capture-decran-le-2025-08-28-a-12.07.46.jpg?fit=300%2C197&amp;ssl=1\" class=\"attachment-medium size-medium\" alt=\"\" srcset=\"https:\/\/i0.wp.com\/itayachtscanada.com\/wp-content\/uploads\/2025\/08\/Capture-decran-le-2025-08-28-a-12.07.46.jpg?w=1318&amp;ssl=1 1318w, https:\/\/i0.wp.com\/itayachtscanada.com\/wp-content\/uploads\/2025\/08\/Capture-decran-le-2025-08-28-a-12.07.46.jpg?resize=300%2C197&amp;ssl=1 300w, https:\/\/i0.wp.com\/itayachtscanada.com\/wp-content\/uploads\/2025\/08\/Capture-decran-le-2025-08-28-a-12.07.46.jpg?resize=1024%2C673&amp;ssl=1 1024w, https:\/\/i0.wp.com\/itayachtscanada.com\/wp-content\/uploads\/2025\/08\/Capture-decran-le-2025-08-28-a-12.07.46.jpg?resize=768%2C505&amp;ssl=1 768w, https:\/\/i0.wp.com\/itayachtscanada.com\/wp-content\/uploads\/2025\/08\/Capture-decran-le-2025-08-28-a-12.07.46.jpg?resize=700%2C460&amp;ssl=1 700w, https:\/\/i0.wp.com\/itayachtscanada.com\/wp-content\/uploads\/2025\/08\/Capture-decran-le-2025-08-28-a-12.07.46.jpg?resize=609%2C400&amp;ssl=1 609w\" sizes=\"auto, (max-width: 300px) 100vw, 300px\" data-attachment-id=\"288807\" data-permalink=\"https:\/\/itayachtscanada.com\/fr\/listing\/absolute-navetta-58-2022-1985000-usd-for-sale\/capture-decran-le-2025-08-28-a-12-07-46\/\" data-orig-file=\"https:\/\/i0.wp.com\/itayachtscanada.com\/wp-content\/uploads\/2025\/08\/Capture-decran-le-2025-08-28-a-12.07.46.jpg?fit=1318%2C866&amp;ssl=1\" data-orig-size=\"1318,866\" data-comments-opened=\"1\" data-image-meta=\"{&quot;aperture&quot;:&quot;0&quot;,&quot;credit&quot;:&quot;&quot;,&quot;camera&quot;:&quot;&quot;,&quot;caption&quot;:&quot;&quot;,&quot;created_timestamp&quot;:&quot;0&quot;,&quot;copyright&quot;:&quot;&quot;,&quot;focal_length&quot;:&quot;0&quot;,&quot;iso&quot;:&quot;0&quot;,&quot;shutter_speed&quot;:&quot;0&quot;,&quot;title&quot;:&quot;&quot;,&quot;orientation&quot;:&quot;0&quot;}\" data-image-title=\"Capture d\u2019e\u0301cran, le 2025-08-28 a\u0300 12.07.46\" data-image-description=\"\" data-image-caption=\"\" data-large-file=\"https:\/\/i0.wp.com\/itayachtscanada.com\/wp-content\/uploads\/2025\/08\/Capture-decran-le-2025-08-28-a-12.07.46.jpg?fit=700%2C460&amp;ssl=1\" \/><\/a>\n\t\t\t<\/div><\/figure><figure class='gallery-item'>\n\t\t\t<div class='gallery-icon landscape'>\n\t\t\t\t<a href='https:\/\/itayachtscanada.com\/fr\/listing\/absolute-navetta-58-2022-1985000-usd-for-sale\/capture-decran-le-2025-08-28-a-12-05-41\/'><img loading=\"lazy\" decoding=\"async\" width=\"300\" height=\"197\" src=\"https:\/\/i0.wp.com\/itayachtscanada.com\/wp-content\/uploads\/2025\/08\/Capture-decran-le-2025-08-28-a-12.05.41.jpg?fit=300%2C197&amp;ssl=1\" class=\"attachment-medium size-medium\" alt=\"\" srcset=\"https:\/\/i0.wp.com\/itayachtscanada.com\/wp-content\/uploads\/2025\/08\/Capture-decran-le-2025-08-28-a-12.05.41.jpg?w=1316&amp;ssl=1 1316w, https:\/\/i0.wp.com\/itayachtscanada.com\/wp-content\/uploads\/2025\/08\/Capture-decran-le-2025-08-28-a-12.05.41.jpg?resize=300%2C197&amp;ssl=1 300w, https:\/\/i0.wp.com\/itayachtscanada.com\/wp-content\/uploads\/2025\/08\/Capture-decran-le-2025-08-28-a-12.05.41.jpg?resize=1024%2C674&amp;ssl=1 1024w, https:\/\/i0.wp.com\/itayachtscanada.com\/wp-content\/uploads\/2025\/08\/Capture-decran-le-2025-08-28-a-12.05.41.jpg?resize=768%2C505&amp;ssl=1 768w, https:\/\/i0.wp.com\/itayachtscanada.com\/wp-content\/uploads\/2025\/08\/Capture-decran-le-2025-08-28-a-12.05.41.jpg?resize=700%2C461&amp;ssl=1 700w, https:\/\/i0.wp.com\/itayachtscanada.com\/wp-content\/uploads\/2025\/08\/Capture-decran-le-2025-08-28-a-12.05.41.jpg?resize=608%2C400&amp;ssl=1 608w\" sizes=\"auto, (max-width: 300px) 100vw, 300px\" data-attachment-id=\"288832\" data-permalink=\"https:\/\/itayachtscanada.com\/fr\/listing\/absolute-navetta-58-2022-1985000-usd-for-sale\/capture-decran-le-2025-08-28-a-12-05-41\/\" data-orig-file=\"https:\/\/i0.wp.com\/itayachtscanada.com\/wp-content\/uploads\/2025\/08\/Capture-decran-le-2025-08-28-a-12.05.41.jpg?fit=1316%2C866&amp;ssl=1\" data-orig-size=\"1316,866\" data-comments-opened=\"1\" data-image-meta=\"{&quot;aperture&quot;:&quot;0&quot;,&quot;credit&quot;:&quot;&quot;,&quot;camera&quot;:&quot;&quot;,&quot;caption&quot;:&quot;&quot;,&quot;created_timestamp&quot;:&quot;0&quot;,&quot;copyright&quot;:&quot;&quot;,&quot;focal_length&quot;:&quot;0&quot;,&quot;iso&quot;:&quot;0&quot;,&quot;shutter_speed&quot;:&quot;0&quot;,&quot;title&quot;:&quot;&quot;,&quot;orientation&quot;:&quot;0&quot;}\" data-image-title=\"Capture d\u2019e\u0301cran, le 2025-08-28 a\u0300 12.05.41\" data-image-description=\"\" data-image-caption=\"\" data-large-file=\"https:\/\/i0.wp.com\/itayachtscanada.com\/wp-content\/uploads\/2025\/08\/Capture-decran-le-2025-08-28-a-12.05.41.jpg?fit=700%2C461&amp;ssl=1\" \/><\/a>\n\t\t\t<\/div><\/figure><figure class='gallery-item'>\n\t\t\t<div class='gallery-icon landscape'>\n\t\t\t\t<a href='https:\/\/itayachtscanada.com\/fr\/listing\/absolute-navetta-58-2022-1985000-usd-for-sale\/capture-decran-le-2025-08-28-a-12-05-45\/'><img loading=\"lazy\" decoding=\"async\" width=\"300\" height=\"197\" src=\"https:\/\/i0.wp.com\/itayachtscanada.com\/wp-content\/uploads\/2025\/08\/Capture-decran-le-2025-08-28-a-12.05.45.jpg?fit=300%2C197&amp;ssl=1\" class=\"attachment-medium size-medium\" alt=\"\" srcset=\"https:\/\/i0.wp.com\/itayachtscanada.com\/wp-content\/uploads\/2025\/08\/Capture-decran-le-2025-08-28-a-12.05.45.jpg?w=1316&amp;ssl=1 1316w, https:\/\/i0.wp.com\/itayachtscanada.com\/wp-content\/uploads\/2025\/08\/Capture-decran-le-2025-08-28-a-12.05.45.jpg?resize=300%2C197&amp;ssl=1 300w, https:\/\/i0.wp.com\/itayachtscanada.com\/wp-content\/uploads\/2025\/08\/Capture-decran-le-2025-08-28-a-12.05.45.jpg?resize=1024%2C674&amp;ssl=1 1024w, https:\/\/i0.wp.com\/itayachtscanada.com\/wp-content\/uploads\/2025\/08\/Capture-decran-le-2025-08-28-a-12.05.45.jpg?resize=768%2C505&amp;ssl=1 768w, https:\/\/i0.wp.com\/itayachtscanada.com\/wp-content\/uploads\/2025\/08\/Capture-decran-le-2025-08-28-a-12.05.45.jpg?resize=700%2C461&amp;ssl=1 700w, https:\/\/i0.wp.com\/itayachtscanada.com\/wp-content\/uploads\/2025\/08\/Capture-decran-le-2025-08-28-a-12.05.45.jpg?resize=608%2C400&amp;ssl=1 608w\" sizes=\"auto, (max-width: 300px) 100vw, 300px\" data-attachment-id=\"288831\" data-permalink=\"https:\/\/itayachtscanada.com\/fr\/listing\/absolute-navetta-58-2022-1985000-usd-for-sale\/capture-decran-le-2025-08-28-a-12-05-45\/\" data-orig-file=\"https:\/\/i0.wp.com\/itayachtscanada.com\/wp-content\/uploads\/2025\/08\/Capture-decran-le-2025-08-28-a-12.05.45.jpg?fit=1316%2C866&amp;ssl=1\" data-orig-size=\"1316,866\" data-comments-opened=\"1\" data-image-meta=\"{&quot;aperture&quot;:&quot;0&quot;,&quot;credit&quot;:&quot;&quot;,&quot;camera&quot;:&quot;&quot;,&quot;caption&quot;:&quot;&quot;,&quot;created_timestamp&quot;:&quot;0&quot;,&quot;copyright&quot;:&quot;&quot;,&quot;focal_length&quot;:&quot;0&quot;,&quot;iso&quot;:&quot;0&quot;,&quot;shutter_speed&quot;:&quot;0&quot;,&quot;title&quot;:&quot;&quot;,&quot;orientation&quot;:&quot;0&quot;}\" data-image-title=\"Capture d\u2019e\u0301cran, le 2025-08-28 a\u0300 12.05.45\" data-image-description=\"\" data-image-caption=\"\" data-large-file=\"https:\/\/i0.wp.com\/itayachtscanada.com\/wp-content\/uploads\/2025\/08\/Capture-decran-le-2025-08-28-a-12.05.45.jpg?fit=700%2C461&amp;ssl=1\" \/><\/a>\n\t\t\t<\/div><\/figure><figure class='gallery-item'>\n\t\t\t<div class='gallery-icon landscape'>\n\t\t\t\t<a href='https:\/\/itayachtscanada.com\/fr\/listing\/absolute-navetta-58-2022-1985000-usd-for-sale\/capture-decran-le-2025-08-28-a-12-05-38\/'><img loading=\"lazy\" decoding=\"async\" width=\"300\" height=\"197\" src=\"https:\/\/i0.wp.com\/itayachtscanada.com\/wp-content\/uploads\/2025\/08\/Capture-decran-le-2025-08-28-a-12.05.38.jpg?fit=300%2C197&amp;ssl=1\" class=\"attachment-medium size-medium\" alt=\"\" srcset=\"https:\/\/i0.wp.com\/itayachtscanada.com\/wp-content\/uploads\/2025\/08\/Capture-decran-le-2025-08-28-a-12.05.38.jpg?w=1316&amp;ssl=1 1316w, https:\/\/i0.wp.com\/itayachtscanada.com\/wp-content\/uploads\/2025\/08\/Capture-decran-le-2025-08-28-a-12.05.38.jpg?resize=300%2C197&amp;ssl=1 300w, https:\/\/i0.wp.com\/itayachtscanada.com\/wp-content\/uploads\/2025\/08\/Capture-decran-le-2025-08-28-a-12.05.38.jpg?resize=1024%2C674&amp;ssl=1 1024w, https:\/\/i0.wp.com\/itayachtscanada.com\/wp-content\/uploads\/2025\/08\/Capture-decran-le-2025-08-28-a-12.05.38.jpg?resize=768%2C505&amp;ssl=1 768w, https:\/\/i0.wp.com\/itayachtscanada.com\/wp-content\/uploads\/2025\/08\/Capture-decran-le-2025-08-28-a-12.05.38.jpg?resize=700%2C461&amp;ssl=1 700w, https:\/\/i0.wp.com\/itayachtscanada.com\/wp-content\/uploads\/2025\/08\/Capture-decran-le-2025-08-28-a-12.05.38.jpg?resize=608%2C400&amp;ssl=1 608w\" sizes=\"auto, (max-width: 300px) 100vw, 300px\" data-attachment-id=\"288833\" data-permalink=\"https:\/\/itayachtscanada.com\/fr\/listing\/absolute-navetta-58-2022-1985000-usd-for-sale\/capture-decran-le-2025-08-28-a-12-05-38\/\" data-orig-file=\"https:\/\/i0.wp.com\/itayachtscanada.com\/wp-content\/uploads\/2025\/08\/Capture-decran-le-2025-08-28-a-12.05.38.jpg?fit=1316%2C866&amp;ssl=1\" data-orig-size=\"1316,866\" data-comments-opened=\"1\" data-image-meta=\"{&quot;aperture&quot;:&quot;0&quot;,&quot;credit&quot;:&quot;&quot;,&quot;camera&quot;:&quot;&quot;,&quot;caption&quot;:&quot;&quot;,&quot;created_timestamp&quot;:&quot;0&quot;,&quot;copyright&quot;:&quot;&quot;,&quot;focal_length&quot;:&quot;0&quot;,&quot;iso&quot;:&quot;0&quot;,&quot;shutter_speed&quot;:&quot;0&quot;,&quot;title&quot;:&quot;&quot;,&quot;orientation&quot;:&quot;0&quot;}\" data-image-title=\"Capture d\u2019e\u0301cran, le 2025-08-28 a\u0300 12.05.38\" data-image-description=\"\" data-image-caption=\"\" data-large-file=\"https:\/\/i0.wp.com\/itayachtscanada.com\/wp-content\/uploads\/2025\/08\/Capture-decran-le-2025-08-28-a-12.05.38.jpg?fit=700%2C461&amp;ssl=1\" \/><\/a>\n\t\t\t<\/div><\/figure><figure class='gallery-item'>\n\t\t\t<div class='gallery-icon landscape'>\n\t\t\t\t<a href='https:\/\/itayachtscanada.com\/fr\/listing\/absolute-navetta-58-2022-1985000-usd-for-sale\/capture-decran-le-2025-08-28-a-12-05-49\/'><img loading=\"lazy\" decoding=\"async\" width=\"300\" height=\"197\" src=\"https:\/\/i0.wp.com\/itayachtscanada.com\/wp-content\/uploads\/2025\/08\/Capture-decran-le-2025-08-28-a-12.05.49.jpg?fit=300%2C197&amp;ssl=1\" class=\"attachment-medium size-medium\" alt=\"\" srcset=\"https:\/\/i0.wp.com\/itayachtscanada.com\/wp-content\/uploads\/2025\/08\/Capture-decran-le-2025-08-28-a-12.05.49.jpg?w=1316&amp;ssl=1 1316w, https:\/\/i0.wp.com\/itayachtscanada.com\/wp-content\/uploads\/2025\/08\/Capture-decran-le-2025-08-28-a-12.05.49.jpg?resize=300%2C197&amp;ssl=1 300w, https:\/\/i0.wp.com\/itayachtscanada.com\/wp-content\/uploads\/2025\/08\/Capture-decran-le-2025-08-28-a-12.05.49.jpg?resize=1024%2C674&amp;ssl=1 1024w, https:\/\/i0.wp.com\/itayachtscanada.com\/wp-content\/uploads\/2025\/08\/Capture-decran-le-2025-08-28-a-12.05.49.jpg?resize=768%2C505&amp;ssl=1 768w, https:\/\/i0.wp.com\/itayachtscanada.com\/wp-content\/uploads\/2025\/08\/Capture-decran-le-2025-08-28-a-12.05.49.jpg?resize=700%2C461&amp;ssl=1 700w, https:\/\/i0.wp.com\/itayachtscanada.com\/wp-content\/uploads\/2025\/08\/Capture-decran-le-2025-08-28-a-12.05.49.jpg?resize=608%2C400&amp;ssl=1 608w\" sizes=\"auto, (max-width: 300px) 100vw, 300px\" data-attachment-id=\"288830\" data-permalink=\"https:\/\/itayachtscanada.com\/fr\/listing\/absolute-navetta-58-2022-1985000-usd-for-sale\/capture-decran-le-2025-08-28-a-12-05-49\/\" data-orig-file=\"https:\/\/i0.wp.com\/itayachtscanada.com\/wp-content\/uploads\/2025\/08\/Capture-decran-le-2025-08-28-a-12.05.49.jpg?fit=1316%2C866&amp;ssl=1\" data-orig-size=\"1316,866\" data-comments-opened=\"1\" data-image-meta=\"{&quot;aperture&quot;:&quot;0&quot;,&quot;credit&quot;:&quot;&quot;,&quot;camera&quot;:&quot;&quot;,&quot;caption&quot;:&quot;&quot;,&quot;created_timestamp&quot;:&quot;0&quot;,&quot;copyright&quot;:&quot;&quot;,&quot;focal_length&quot;:&quot;0&quot;,&quot;iso&quot;:&quot;0&quot;,&quot;shutter_speed&quot;:&quot;0&quot;,&quot;title&quot;:&quot;&quot;,&quot;orientation&quot;:&quot;0&quot;}\" data-image-title=\"Capture d\u2019e\u0301cran, le 2025-08-28 a\u0300 12.05.49\" data-image-description=\"\" data-image-caption=\"\" data-large-file=\"https:\/\/i0.wp.com\/itayachtscanada.com\/wp-content\/uploads\/2025\/08\/Capture-decran-le-2025-08-28-a-12.05.49.jpg?fit=700%2C461&amp;ssl=1\" \/><\/a>\n\t\t\t<\/div><\/figure><figure class='gallery-item'>\n\t\t\t<div class='gallery-icon landscape'>\n\t\t\t\t<a href='https:\/\/itayachtscanada.com\/fr\/listing\/absolute-navetta-58-2022-1985000-usd-for-sale\/capture-decran-le-2025-08-28-a-12-05-53\/'><img loading=\"lazy\" decoding=\"async\" width=\"300\" height=\"197\" src=\"https:\/\/i0.wp.com\/itayachtscanada.com\/wp-content\/uploads\/2025\/08\/Capture-decran-le-2025-08-28-a-12.05.53.jpg?fit=300%2C197&amp;ssl=1\" class=\"attachment-medium size-medium\" alt=\"\" srcset=\"https:\/\/i0.wp.com\/itayachtscanada.com\/wp-content\/uploads\/2025\/08\/Capture-decran-le-2025-08-28-a-12.05.53.jpg?w=1316&amp;ssl=1 1316w, https:\/\/i0.wp.com\/itayachtscanada.com\/wp-content\/uploads\/2025\/08\/Capture-decran-le-2025-08-28-a-12.05.53.jpg?resize=300%2C197&amp;ssl=1 300w, https:\/\/i0.wp.com\/itayachtscanada.com\/wp-content\/uploads\/2025\/08\/Capture-decran-le-2025-08-28-a-12.05.53.jpg?resize=1024%2C674&amp;ssl=1 1024w, https:\/\/i0.wp.com\/itayachtscanada.com\/wp-content\/uploads\/2025\/08\/Capture-decran-le-2025-08-28-a-12.05.53.jpg?resize=768%2C505&amp;ssl=1 768w, https:\/\/i0.wp.com\/itayachtscanada.com\/wp-content\/uploads\/2025\/08\/Capture-decran-le-2025-08-28-a-12.05.53.jpg?resize=700%2C461&amp;ssl=1 700w, https:\/\/i0.wp.com\/itayachtscanada.com\/wp-content\/uploads\/2025\/08\/Capture-decran-le-2025-08-28-a-12.05.53.jpg?resize=608%2C400&amp;ssl=1 608w\" sizes=\"auto, (max-width: 300px) 100vw, 300px\" data-attachment-id=\"288829\" data-permalink=\"https:\/\/itayachtscanada.com\/fr\/listing\/absolute-navetta-58-2022-1985000-usd-for-sale\/capture-decran-le-2025-08-28-a-12-05-53\/\" data-orig-file=\"https:\/\/i0.wp.com\/itayachtscanada.com\/wp-content\/uploads\/2025\/08\/Capture-decran-le-2025-08-28-a-12.05.53.jpg?fit=1316%2C866&amp;ssl=1\" data-orig-size=\"1316,866\" data-comments-opened=\"1\" data-image-meta=\"{&quot;aperture&quot;:&quot;0&quot;,&quot;credit&quot;:&quot;&quot;,&quot;camera&quot;:&quot;&quot;,&quot;caption&quot;:&quot;&quot;,&quot;created_timestamp&quot;:&quot;0&quot;,&quot;copyright&quot;:&quot;&quot;,&quot;focal_length&quot;:&quot;0&quot;,&quot;iso&quot;:&quot;0&quot;,&quot;shutter_speed&quot;:&quot;0&quot;,&quot;title&quot;:&quot;&quot;,&quot;orientation&quot;:&quot;0&quot;}\" data-image-title=\"Capture d\u2019e\u0301cran, le 2025-08-28 a\u0300 12.05.53\" data-image-description=\"\" data-image-caption=\"\" data-large-file=\"https:\/\/i0.wp.com\/itayachtscanada.com\/wp-content\/uploads\/2025\/08\/Capture-decran-le-2025-08-28-a-12.05.53.jpg?fit=700%2C461&amp;ssl=1\" \/><\/a>\n\t\t\t<\/div><\/figure><figure class='gallery-item'>\n\t\t\t<div class='gallery-icon landscape'>\n\t\t\t\t<a href='https:\/\/itayachtscanada.com\/fr\/listing\/absolute-navetta-58-2022-1985000-usd-for-sale\/capture-decran-le-2025-08-28-a-12-06-04\/'><img loading=\"lazy\" decoding=\"async\" width=\"300\" height=\"197\" src=\"https:\/\/i0.wp.com\/itayachtscanada.com\/wp-content\/uploads\/2025\/08\/Capture-decran-le-2025-08-28-a-12.06.04.jpg?fit=300%2C197&amp;ssl=1\" class=\"attachment-medium size-medium\" alt=\"\" srcset=\"https:\/\/i0.wp.com\/itayachtscanada.com\/wp-content\/uploads\/2025\/08\/Capture-decran-le-2025-08-28-a-12.06.04.jpg?w=1316&amp;ssl=1 1316w, https:\/\/i0.wp.com\/itayachtscanada.com\/wp-content\/uploads\/2025\/08\/Capture-decran-le-2025-08-28-a-12.06.04.jpg?resize=300%2C197&amp;ssl=1 300w, https:\/\/i0.wp.com\/itayachtscanada.com\/wp-content\/uploads\/2025\/08\/Capture-decran-le-2025-08-28-a-12.06.04.jpg?resize=1024%2C674&amp;ssl=1 1024w, https:\/\/i0.wp.com\/itayachtscanada.com\/wp-content\/uploads\/2025\/08\/Capture-decran-le-2025-08-28-a-12.06.04.jpg?resize=768%2C505&amp;ssl=1 768w, https:\/\/i0.wp.com\/itayachtscanada.com\/wp-content\/uploads\/2025\/08\/Capture-decran-le-2025-08-28-a-12.06.04.jpg?resize=700%2C461&amp;ssl=1 700w, https:\/\/i0.wp.com\/itayachtscanada.com\/wp-content\/uploads\/2025\/08\/Capture-decran-le-2025-08-28-a-12.06.04.jpg?resize=608%2C400&amp;ssl=1 608w\" sizes=\"auto, (max-width: 300px) 100vw, 300px\" data-attachment-id=\"288826\" data-permalink=\"https:\/\/itayachtscanada.com\/fr\/listing\/absolute-navetta-58-2022-1985000-usd-for-sale\/capture-decran-le-2025-08-28-a-12-06-04\/\" data-orig-file=\"https:\/\/i0.wp.com\/itayachtscanada.com\/wp-content\/uploads\/2025\/08\/Capture-decran-le-2025-08-28-a-12.06.04.jpg?fit=1316%2C866&amp;ssl=1\" data-orig-size=\"1316,866\" data-comments-opened=\"1\" data-image-meta=\"{&quot;aperture&quot;:&quot;0&quot;,&quot;credit&quot;:&quot;&quot;,&quot;camera&quot;:&quot;&quot;,&quot;caption&quot;:&quot;&quot;,&quot;created_timestamp&quot;:&quot;0&quot;,&quot;copyright&quot;:&quot;&quot;,&quot;focal_length&quot;:&quot;0&quot;,&quot;iso&quot;:&quot;0&quot;,&quot;shutter_speed&quot;:&quot;0&quot;,&quot;title&quot;:&quot;&quot;,&quot;orientation&quot;:&quot;0&quot;}\" data-image-title=\"Capture d\u2019e\u0301cran, le 2025-08-28 a\u0300 12.06.04\" data-image-description=\"\" data-image-caption=\"\" data-large-file=\"https:\/\/i0.wp.com\/itayachtscanada.com\/wp-content\/uploads\/2025\/08\/Capture-decran-le-2025-08-28-a-12.06.04.jpg?fit=700%2C461&amp;ssl=1\" \/><\/a>\n\t\t\t<\/div><\/figure><figure class='gallery-item'>\n\t\t\t<div class='gallery-icon landscape'>\n\t\t\t\t<a href='https:\/\/itayachtscanada.com\/fr\/listing\/absolute-navetta-58-2022-1985000-usd-for-sale\/capture-decran-le-2025-08-28-a-12-06-08\/'><img loading=\"lazy\" decoding=\"async\" width=\"300\" height=\"197\" src=\"https:\/\/i0.wp.com\/itayachtscanada.com\/wp-content\/uploads\/2025\/08\/Capture-decran-le-2025-08-28-a-12.06.08.jpg?fit=300%2C197&amp;ssl=1\" class=\"attachment-medium size-medium\" alt=\"\" srcset=\"https:\/\/i0.wp.com\/itayachtscanada.com\/wp-content\/uploads\/2025\/08\/Capture-decran-le-2025-08-28-a-12.06.08.jpg?w=1316&amp;ssl=1 1316w, https:\/\/i0.wp.com\/itayachtscanada.com\/wp-content\/uploads\/2025\/08\/Capture-decran-le-2025-08-28-a-12.06.08.jpg?resize=300%2C197&amp;ssl=1 300w, https:\/\/i0.wp.com\/itayachtscanada.com\/wp-content\/uploads\/2025\/08\/Capture-decran-le-2025-08-28-a-12.06.08.jpg?resize=1024%2C674&amp;ssl=1 1024w, https:\/\/i0.wp.com\/itayachtscanada.com\/wp-content\/uploads\/2025\/08\/Capture-decran-le-2025-08-28-a-12.06.08.jpg?resize=768%2C505&amp;ssl=1 768w, https:\/\/i0.wp.com\/itayachtscanada.com\/wp-content\/uploads\/2025\/08\/Capture-decran-le-2025-08-28-a-12.06.08.jpg?resize=700%2C461&amp;ssl=1 700w, https:\/\/i0.wp.com\/itayachtscanada.com\/wp-content\/uploads\/2025\/08\/Capture-decran-le-2025-08-28-a-12.06.08.jpg?resize=608%2C400&amp;ssl=1 608w\" sizes=\"auto, (max-width: 300px) 100vw, 300px\" data-attachment-id=\"288825\" data-permalink=\"https:\/\/itayachtscanada.com\/fr\/listing\/absolute-navetta-58-2022-1985000-usd-for-sale\/capture-decran-le-2025-08-28-a-12-06-08\/\" data-orig-file=\"https:\/\/i0.wp.com\/itayachtscanada.com\/wp-content\/uploads\/2025\/08\/Capture-decran-le-2025-08-28-a-12.06.08.jpg?fit=1316%2C866&amp;ssl=1\" data-orig-size=\"1316,866\" data-comments-opened=\"1\" data-image-meta=\"{&quot;aperture&quot;:&quot;0&quot;,&quot;credit&quot;:&quot;&quot;,&quot;camera&quot;:&quot;&quot;,&quot;caption&quot;:&quot;&quot;,&quot;created_timestamp&quot;:&quot;0&quot;,&quot;copyright&quot;:&quot;&quot;,&quot;focal_length&quot;:&quot;0&quot;,&quot;iso&quot;:&quot;0&quot;,&quot;shutter_speed&quot;:&quot;0&quot;,&quot;title&quot;:&quot;&quot;,&quot;orientation&quot;:&quot;0&quot;}\" data-image-title=\"Capture d\u2019e\u0301cran, le 2025-08-28 a\u0300 12.06.08\" data-image-description=\"\" data-image-caption=\"\" data-large-file=\"https:\/\/i0.wp.com\/itayachtscanada.com\/wp-content\/uploads\/2025\/08\/Capture-decran-le-2025-08-28-a-12.06.08.jpg?fit=700%2C461&amp;ssl=1\" \/><\/a>\n\t\t\t<\/div><\/figure><figure class='gallery-item'>\n\t\t\t<div class='gallery-icon landscape'>\n\t\t\t\t<a href='https:\/\/itayachtscanada.com\/fr\/listing\/absolute-navetta-58-2022-1985000-usd-for-sale\/capture-decran-le-2025-08-28-a-12-05-57\/'><img loading=\"lazy\" decoding=\"async\" width=\"300\" height=\"197\" src=\"https:\/\/i0.wp.com\/itayachtscanada.com\/wp-content\/uploads\/2025\/08\/Capture-decran-le-2025-08-28-a-12.05.57.jpg?fit=300%2C197&amp;ssl=1\" class=\"attachment-medium size-medium\" alt=\"\" srcset=\"https:\/\/i0.wp.com\/itayachtscanada.com\/wp-content\/uploads\/2025\/08\/Capture-decran-le-2025-08-28-a-12.05.57.jpg?w=1316&amp;ssl=1 1316w, https:\/\/i0.wp.com\/itayachtscanada.com\/wp-content\/uploads\/2025\/08\/Capture-decran-le-2025-08-28-a-12.05.57.jpg?resize=300%2C197&amp;ssl=1 300w, https:\/\/i0.wp.com\/itayachtscanada.com\/wp-content\/uploads\/2025\/08\/Capture-decran-le-2025-08-28-a-12.05.57.jpg?resize=1024%2C674&amp;ssl=1 1024w, https:\/\/i0.wp.com\/itayachtscanada.com\/wp-content\/uploads\/2025\/08\/Capture-decran-le-2025-08-28-a-12.05.57.jpg?resize=768%2C505&amp;ssl=1 768w, https:\/\/i0.wp.com\/itayachtscanada.com\/wp-content\/uploads\/2025\/08\/Capture-decran-le-2025-08-28-a-12.05.57.jpg?resize=700%2C461&amp;ssl=1 700w, https:\/\/i0.wp.com\/itayachtscanada.com\/wp-content\/uploads\/2025\/08\/Capture-decran-le-2025-08-28-a-12.05.57.jpg?resize=608%2C400&amp;ssl=1 608w\" sizes=\"auto, (max-width: 300px) 100vw, 300px\" data-attachment-id=\"288828\" data-permalink=\"https:\/\/itayachtscanada.com\/fr\/listing\/absolute-navetta-58-2022-1985000-usd-for-sale\/capture-decran-le-2025-08-28-a-12-05-57\/\" data-orig-file=\"https:\/\/i0.wp.com\/itayachtscanada.com\/wp-content\/uploads\/2025\/08\/Capture-decran-le-2025-08-28-a-12.05.57.jpg?fit=1316%2C866&amp;ssl=1\" data-orig-size=\"1316,866\" data-comments-opened=\"1\" data-image-meta=\"{&quot;aperture&quot;:&quot;0&quot;,&quot;credit&quot;:&quot;&quot;,&quot;camera&quot;:&quot;&quot;,&quot;caption&quot;:&quot;&quot;,&quot;created_timestamp&quot;:&quot;0&quot;,&quot;copyright&quot;:&quot;&quot;,&quot;focal_length&quot;:&quot;0&quot;,&quot;iso&quot;:&quot;0&quot;,&quot;shutter_speed&quot;:&quot;0&quot;,&quot;title&quot;:&quot;&quot;,&quot;orientation&quot;:&quot;0&quot;}\" data-image-title=\"Capture d\u2019e\u0301cran, le 2025-08-28 a\u0300 12.05.57\" data-image-description=\"\" data-image-caption=\"\" data-large-file=\"https:\/\/i0.wp.com\/itayachtscanada.com\/wp-content\/uploads\/2025\/08\/Capture-decran-le-2025-08-28-a-12.05.57.jpg?fit=700%2C461&amp;ssl=1\" \/><\/a>\n\t\t\t<\/div><\/figure><figure class='gallery-item'>\n\t\t\t<div class='gallery-icon landscape'>\n\t\t\t\t<a href='https:\/\/itayachtscanada.com\/fr\/listing\/absolute-navetta-58-2022-1985000-usd-for-sale\/capture-decran-le-2025-08-28-a-12-06-00\/'><img loading=\"lazy\" decoding=\"async\" width=\"300\" height=\"197\" src=\"https:\/\/i0.wp.com\/itayachtscanada.com\/wp-content\/uploads\/2025\/08\/Capture-decran-le-2025-08-28-a-12.06.00.jpg?fit=300%2C197&amp;ssl=1\" class=\"attachment-medium size-medium\" alt=\"\" srcset=\"https:\/\/i0.wp.com\/itayachtscanada.com\/wp-content\/uploads\/2025\/08\/Capture-decran-le-2025-08-28-a-12.06.00.jpg?w=1316&amp;ssl=1 1316w, https:\/\/i0.wp.com\/itayachtscanada.com\/wp-content\/uploads\/2025\/08\/Capture-decran-le-2025-08-28-a-12.06.00.jpg?resize=300%2C197&amp;ssl=1 300w, https:\/\/i0.wp.com\/itayachtscanada.com\/wp-content\/uploads\/2025\/08\/Capture-decran-le-2025-08-28-a-12.06.00.jpg?resize=1024%2C674&amp;ssl=1 1024w, https:\/\/i0.wp.com\/itayachtscanada.com\/wp-content\/uploads\/2025\/08\/Capture-decran-le-2025-08-28-a-12.06.00.jpg?resize=768%2C505&amp;ssl=1 768w, https:\/\/i0.wp.com\/itayachtscanada.com\/wp-content\/uploads\/2025\/08\/Capture-decran-le-2025-08-28-a-12.06.00.jpg?resize=700%2C461&amp;ssl=1 700w, https:\/\/i0.wp.com\/itayachtscanada.com\/wp-content\/uploads\/2025\/08\/Capture-decran-le-2025-08-28-a-12.06.00.jpg?resize=608%2C400&amp;ssl=1 608w\" sizes=\"auto, (max-width: 300px) 100vw, 300px\" data-attachment-id=\"288827\" data-permalink=\"https:\/\/itayachtscanada.com\/fr\/listing\/absolute-navetta-58-2022-1985000-usd-for-sale\/capture-decran-le-2025-08-28-a-12-06-00\/\" data-orig-file=\"https:\/\/i0.wp.com\/itayachtscanada.com\/wp-content\/uploads\/2025\/08\/Capture-decran-le-2025-08-28-a-12.06.00.jpg?fit=1316%2C866&amp;ssl=1\" data-orig-size=\"1316,866\" data-comments-opened=\"1\" data-image-meta=\"{&quot;aperture&quot;:&quot;0&quot;,&quot;credit&quot;:&quot;&quot;,&quot;camera&quot;:&quot;&quot;,&quot;caption&quot;:&quot;&quot;,&quot;created_timestamp&quot;:&quot;0&quot;,&quot;copyright&quot;:&quot;&quot;,&quot;focal_length&quot;:&quot;0&quot;,&quot;iso&quot;:&quot;0&quot;,&quot;shutter_speed&quot;:&quot;0&quot;,&quot;title&quot;:&quot;&quot;,&quot;orientation&quot;:&quot;0&quot;}\" data-image-title=\"Capture d\u2019e\u0301cran, le 2025-08-28 a\u0300 12.06.00\" data-image-description=\"\" data-image-caption=\"\" data-large-file=\"https:\/\/i0.wp.com\/itayachtscanada.com\/wp-content\/uploads\/2025\/08\/Capture-decran-le-2025-08-28-a-12.06.00.jpg?fit=700%2C461&amp;ssl=1\" \/><\/a>\n\t\t\t<\/div><\/figure><figure class='gallery-item'>\n\t\t\t<div class='gallery-icon landscape'>\n\t\t\t\t<a href='https:\/\/itayachtscanada.com\/fr\/listing\/absolute-navetta-58-2022-1985000-usd-for-sale\/capture-decran-le-2025-08-28-a-12-06-13\/'><img loading=\"lazy\" decoding=\"async\" width=\"300\" height=\"197\" src=\"https:\/\/i0.wp.com\/itayachtscanada.com\/wp-content\/uploads\/2025\/08\/Capture-decran-le-2025-08-28-a-12.06.13.jpg?fit=300%2C197&amp;ssl=1\" class=\"attachment-medium size-medium\" alt=\"\" srcset=\"https:\/\/i0.wp.com\/itayachtscanada.com\/wp-content\/uploads\/2025\/08\/Capture-decran-le-2025-08-28-a-12.06.13.jpg?w=1316&amp;ssl=1 1316w, https:\/\/i0.wp.com\/itayachtscanada.com\/wp-content\/uploads\/2025\/08\/Capture-decran-le-2025-08-28-a-12.06.13.jpg?resize=300%2C197&amp;ssl=1 300w, https:\/\/i0.wp.com\/itayachtscanada.com\/wp-content\/uploads\/2025\/08\/Capture-decran-le-2025-08-28-a-12.06.13.jpg?resize=1024%2C674&amp;ssl=1 1024w, https:\/\/i0.wp.com\/itayachtscanada.com\/wp-content\/uploads\/2025\/08\/Capture-decran-le-2025-08-28-a-12.06.13.jpg?resize=768%2C505&amp;ssl=1 768w, https:\/\/i0.wp.com\/itayachtscanada.com\/wp-content\/uploads\/2025\/08\/Capture-decran-le-2025-08-28-a-12.06.13.jpg?resize=700%2C461&amp;ssl=1 700w, https:\/\/i0.wp.com\/itayachtscanada.com\/wp-content\/uploads\/2025\/08\/Capture-decran-le-2025-08-28-a-12.06.13.jpg?resize=608%2C400&amp;ssl=1 608w\" sizes=\"auto, (max-width: 300px) 100vw, 300px\" data-attachment-id=\"288824\" data-permalink=\"https:\/\/itayachtscanada.com\/fr\/listing\/absolute-navetta-58-2022-1985000-usd-for-sale\/capture-decran-le-2025-08-28-a-12-06-13\/\" data-orig-file=\"https:\/\/i0.wp.com\/itayachtscanada.com\/wp-content\/uploads\/2025\/08\/Capture-decran-le-2025-08-28-a-12.06.13.jpg?fit=1316%2C866&amp;ssl=1\" data-orig-size=\"1316,866\" data-comments-opened=\"1\" data-image-meta=\"{&quot;aperture&quot;:&quot;0&quot;,&quot;credit&quot;:&quot;&quot;,&quot;camera&quot;:&quot;&quot;,&quot;caption&quot;:&quot;&quot;,&quot;created_timestamp&quot;:&quot;0&quot;,&quot;copyright&quot;:&quot;&quot;,&quot;focal_length&quot;:&quot;0&quot;,&quot;iso&quot;:&quot;0&quot;,&quot;shutter_speed&quot;:&quot;0&quot;,&quot;title&quot;:&quot;&quot;,&quot;orientation&quot;:&quot;0&quot;}\" data-image-title=\"Capture d\u2019e\u0301cran, le 2025-08-28 a\u0300 12.06.13\" data-image-description=\"\" data-image-caption=\"\" data-large-file=\"https:\/\/i0.wp.com\/itayachtscanada.com\/wp-content\/uploads\/2025\/08\/Capture-decran-le-2025-08-28-a-12.06.13.jpg?fit=700%2C461&amp;ssl=1\" \/><\/a>\n\t\t\t<\/div><\/figure><figure class='gallery-item'>\n\t\t\t<div class='gallery-icon landscape'>\n\t\t\t\t<a href='https:\/\/itayachtscanada.com\/fr\/listing\/absolute-navetta-58-2022-1985000-usd-for-sale\/capture-decran-le-2025-08-28-a-12-06-17\/'><img loading=\"lazy\" decoding=\"async\" width=\"300\" height=\"197\" src=\"https:\/\/i0.wp.com\/itayachtscanada.com\/wp-content\/uploads\/2025\/08\/Capture-decran-le-2025-08-28-a-12.06.17.jpg?fit=300%2C197&amp;ssl=1\" class=\"attachment-medium size-medium\" alt=\"\" srcset=\"https:\/\/i0.wp.com\/itayachtscanada.com\/wp-content\/uploads\/2025\/08\/Capture-decran-le-2025-08-28-a-12.06.17.jpg?w=1316&amp;ssl=1 1316w, https:\/\/i0.wp.com\/itayachtscanada.com\/wp-content\/uploads\/2025\/08\/Capture-decran-le-2025-08-28-a-12.06.17.jpg?resize=300%2C197&amp;ssl=1 300w, https:\/\/i0.wp.com\/itayachtscanada.com\/wp-content\/uploads\/2025\/08\/Capture-decran-le-2025-08-28-a-12.06.17.jpg?resize=1024%2C674&amp;ssl=1 1024w, https:\/\/i0.wp.com\/itayachtscanada.com\/wp-content\/uploads\/2025\/08\/Capture-decran-le-2025-08-28-a-12.06.17.jpg?resize=768%2C505&amp;ssl=1 768w, https:\/\/i0.wp.com\/itayachtscanada.com\/wp-content\/uploads\/2025\/08\/Capture-decran-le-2025-08-28-a-12.06.17.jpg?resize=700%2C461&amp;ssl=1 700w, https:\/\/i0.wp.com\/itayachtscanada.com\/wp-content\/uploads\/2025\/08\/Capture-decran-le-2025-08-28-a-12.06.17.jpg?resize=608%2C400&amp;ssl=1 608w\" sizes=\"auto, (max-width: 300px) 100vw, 300px\" data-attachment-id=\"288823\" data-permalink=\"https:\/\/itayachtscanada.com\/fr\/listing\/absolute-navetta-58-2022-1985000-usd-for-sale\/capture-decran-le-2025-08-28-a-12-06-17\/\" data-orig-file=\"https:\/\/i0.wp.com\/itayachtscanada.com\/wp-content\/uploads\/2025\/08\/Capture-decran-le-2025-08-28-a-12.06.17.jpg?fit=1316%2C866&amp;ssl=1\" data-orig-size=\"1316,866\" data-comments-opened=\"1\" data-image-meta=\"{&quot;aperture&quot;:&quot;0&quot;,&quot;credit&quot;:&quot;&quot;,&quot;camera&quot;:&quot;&quot;,&quot;caption&quot;:&quot;&quot;,&quot;created_timestamp&quot;:&quot;0&quot;,&quot;copyright&quot;:&quot;&quot;,&quot;focal_length&quot;:&quot;0&quot;,&quot;iso&quot;:&quot;0&quot;,&quot;shutter_speed&quot;:&quot;0&quot;,&quot;title&quot;:&quot;&quot;,&quot;orientation&quot;:&quot;0&quot;}\" data-image-title=\"Capture d\u2019e\u0301cran, le 2025-08-28 a\u0300 12.06.17\" data-image-description=\"\" data-image-caption=\"\" data-large-file=\"https:\/\/i0.wp.com\/itayachtscanada.com\/wp-content\/uploads\/2025\/08\/Capture-decran-le-2025-08-28-a-12.06.17.jpg?fit=700%2C461&amp;ssl=1\" \/><\/a>\n\t\t\t<\/div><\/figure><figure class='gallery-item'>\n\t\t\t<div class='gallery-icon landscape'>\n\t\t\t\t<a href='https:\/\/itayachtscanada.com\/fr\/listing\/absolute-navetta-58-2022-1985000-usd-for-sale\/capture-decran-le-2025-08-28-a-12-06-25\/'><img loading=\"lazy\" decoding=\"async\" width=\"300\" height=\"197\" src=\"https:\/\/i0.wp.com\/itayachtscanada.com\/wp-content\/uploads\/2025\/08\/Capture-decran-le-2025-08-28-a-12.06.25.jpg?fit=300%2C197&amp;ssl=1\" class=\"attachment-medium size-medium\" alt=\"\" srcset=\"https:\/\/i0.wp.com\/itayachtscanada.com\/wp-content\/uploads\/2025\/08\/Capture-decran-le-2025-08-28-a-12.06.25.jpg?w=1316&amp;ssl=1 1316w, https:\/\/i0.wp.com\/itayachtscanada.com\/wp-content\/uploads\/2025\/08\/Capture-decran-le-2025-08-28-a-12.06.25.jpg?resize=300%2C197&amp;ssl=1 300w, https:\/\/i0.wp.com\/itayachtscanada.com\/wp-content\/uploads\/2025\/08\/Capture-decran-le-2025-08-28-a-12.06.25.jpg?resize=1024%2C674&amp;ssl=1 1024w, https:\/\/i0.wp.com\/itayachtscanada.com\/wp-content\/uploads\/2025\/08\/Capture-decran-le-2025-08-28-a-12.06.25.jpg?resize=768%2C505&amp;ssl=1 768w, https:\/\/i0.wp.com\/itayachtscanada.com\/wp-content\/uploads\/2025\/08\/Capture-decran-le-2025-08-28-a-12.06.25.jpg?resize=700%2C461&amp;ssl=1 700w, https:\/\/i0.wp.com\/itayachtscanada.com\/wp-content\/uploads\/2025\/08\/Capture-decran-le-2025-08-28-a-12.06.25.jpg?resize=608%2C400&amp;ssl=1 608w\" sizes=\"auto, (max-width: 300px) 100vw, 300px\" data-attachment-id=\"288821\" data-permalink=\"https:\/\/itayachtscanada.com\/fr\/listing\/absolute-navetta-58-2022-1985000-usd-for-sale\/capture-decran-le-2025-08-28-a-12-06-25\/\" data-orig-file=\"https:\/\/i0.wp.com\/itayachtscanada.com\/wp-content\/uploads\/2025\/08\/Capture-decran-le-2025-08-28-a-12.06.25.jpg?fit=1316%2C866&amp;ssl=1\" data-orig-size=\"1316,866\" data-comments-opened=\"1\" data-image-meta=\"{&quot;aperture&quot;:&quot;0&quot;,&quot;credit&quot;:&quot;&quot;,&quot;camera&quot;:&quot;&quot;,&quot;caption&quot;:&quot;&quot;,&quot;created_timestamp&quot;:&quot;0&quot;,&quot;copyright&quot;:&quot;&quot;,&quot;focal_length&quot;:&quot;0&quot;,&quot;iso&quot;:&quot;0&quot;,&quot;shutter_speed&quot;:&quot;0&quot;,&quot;title&quot;:&quot;&quot;,&quot;orientation&quot;:&quot;0&quot;}\" data-image-title=\"Capture d\u2019e\u0301cran, le 2025-08-28 a\u0300 12.06.25\" data-image-description=\"\" data-image-caption=\"\" data-large-file=\"https:\/\/i0.wp.com\/itayachtscanada.com\/wp-content\/uploads\/2025\/08\/Capture-decran-le-2025-08-28-a-12.06.25.jpg?fit=700%2C461&amp;ssl=1\" \/><\/a>\n\t\t\t<\/div><\/figure><figure class='gallery-item'>\n\t\t\t<div class='gallery-icon landscape'>\n\t\t\t\t<a href='https:\/\/itayachtscanada.com\/fr\/listing\/absolute-navetta-58-2022-1985000-usd-for-sale\/capture-decran-le-2025-08-28-a-12-06-22\/'><img loading=\"lazy\" decoding=\"async\" width=\"300\" height=\"197\" src=\"https:\/\/i0.wp.com\/itayachtscanada.com\/wp-content\/uploads\/2025\/08\/Capture-decran-le-2025-08-28-a-12.06.22.jpg?fit=300%2C197&amp;ssl=1\" class=\"attachment-medium size-medium\" alt=\"\" srcset=\"https:\/\/i0.wp.com\/itayachtscanada.com\/wp-content\/uploads\/2025\/08\/Capture-decran-le-2025-08-28-a-12.06.22.jpg?w=1316&amp;ssl=1 1316w, https:\/\/i0.wp.com\/itayachtscanada.com\/wp-content\/uploads\/2025\/08\/Capture-decran-le-2025-08-28-a-12.06.22.jpg?resize=300%2C197&amp;ssl=1 300w, https:\/\/i0.wp.com\/itayachtscanada.com\/wp-content\/uploads\/2025\/08\/Capture-decran-le-2025-08-28-a-12.06.22.jpg?resize=1024%2C674&amp;ssl=1 1024w, https:\/\/i0.wp.com\/itayachtscanada.com\/wp-content\/uploads\/2025\/08\/Capture-decran-le-2025-08-28-a-12.06.22.jpg?resize=768%2C505&amp;ssl=1 768w, https:\/\/i0.wp.com\/itayachtscanada.com\/wp-content\/uploads\/2025\/08\/Capture-decran-le-2025-08-28-a-12.06.22.jpg?resize=700%2C461&amp;ssl=1 700w, https:\/\/i0.wp.com\/itayachtscanada.com\/wp-content\/uploads\/2025\/08\/Capture-decran-le-2025-08-28-a-12.06.22.jpg?resize=608%2C400&amp;ssl=1 608w\" sizes=\"auto, (max-width: 300px) 100vw, 300px\" data-attachment-id=\"288822\" data-permalink=\"https:\/\/itayachtscanada.com\/fr\/listing\/absolute-navetta-58-2022-1985000-usd-for-sale\/capture-decran-le-2025-08-28-a-12-06-22\/\" data-orig-file=\"https:\/\/i0.wp.com\/itayachtscanada.com\/wp-content\/uploads\/2025\/08\/Capture-decran-le-2025-08-28-a-12.06.22.jpg?fit=1316%2C866&amp;ssl=1\" data-orig-size=\"1316,866\" data-comments-opened=\"1\" data-image-meta=\"{&quot;aperture&quot;:&quot;0&quot;,&quot;credit&quot;:&quot;&quot;,&quot;camera&quot;:&quot;&quot;,&quot;caption&quot;:&quot;&quot;,&quot;created_timestamp&quot;:&quot;0&quot;,&quot;copyright&quot;:&quot;&quot;,&quot;focal_length&quot;:&quot;0&quot;,&quot;iso&quot;:&quot;0&quot;,&quot;shutter_speed&quot;:&quot;0&quot;,&quot;title&quot;:&quot;&quot;,&quot;orientation&quot;:&quot;0&quot;}\" data-image-title=\"Capture d\u2019e\u0301cran, le 2025-08-28 a\u0300 12.06.22\" data-image-description=\"\" data-image-caption=\"\" data-large-file=\"https:\/\/i0.wp.com\/itayachtscanada.com\/wp-content\/uploads\/2025\/08\/Capture-decran-le-2025-08-28-a-12.06.22.jpg?fit=700%2C461&amp;ssl=1\" \/><\/a>\n\t\t\t<\/div><\/figure><figure class='gallery-item'>\n\t\t\t<div class='gallery-icon landscape'>\n\t\t\t\t<a href='https:\/\/itayachtscanada.com\/fr\/listing\/absolute-navetta-58-2022-1985000-usd-for-sale\/capture-decran-le-2025-08-28-a-12-06-30\/'><img loading=\"lazy\" decoding=\"async\" width=\"300\" height=\"197\" src=\"https:\/\/i0.wp.com\/itayachtscanada.com\/wp-content\/uploads\/2025\/08\/Capture-decran-le-2025-08-28-a-12.06.30.jpg?fit=300%2C197&amp;ssl=1\" class=\"attachment-medium size-medium\" alt=\"\" srcset=\"https:\/\/i0.wp.com\/itayachtscanada.com\/wp-content\/uploads\/2025\/08\/Capture-decran-le-2025-08-28-a-12.06.30.jpg?w=1316&amp;ssl=1 1316w, https:\/\/i0.wp.com\/itayachtscanada.com\/wp-content\/uploads\/2025\/08\/Capture-decran-le-2025-08-28-a-12.06.30.jpg?resize=300%2C197&amp;ssl=1 300w, https:\/\/i0.wp.com\/itayachtscanada.com\/wp-content\/uploads\/2025\/08\/Capture-decran-le-2025-08-28-a-12.06.30.jpg?resize=1024%2C674&amp;ssl=1 1024w, https:\/\/i0.wp.com\/itayachtscanada.com\/wp-content\/uploads\/2025\/08\/Capture-decran-le-2025-08-28-a-12.06.30.jpg?resize=768%2C505&amp;ssl=1 768w, https:\/\/i0.wp.com\/itayachtscanada.com\/wp-content\/uploads\/2025\/08\/Capture-decran-le-2025-08-28-a-12.06.30.jpg?resize=700%2C461&amp;ssl=1 700w, https:\/\/i0.wp.com\/itayachtscanada.com\/wp-content\/uploads\/2025\/08\/Capture-decran-le-2025-08-28-a-12.06.30.jpg?resize=608%2C400&amp;ssl=1 608w\" sizes=\"auto, (max-width: 300px) 100vw, 300px\" data-attachment-id=\"288820\" data-permalink=\"https:\/\/itayachtscanada.com\/fr\/listing\/absolute-navetta-58-2022-1985000-usd-for-sale\/capture-decran-le-2025-08-28-a-12-06-30\/\" data-orig-file=\"https:\/\/i0.wp.com\/itayachtscanada.com\/wp-content\/uploads\/2025\/08\/Capture-decran-le-2025-08-28-a-12.06.30.jpg?fit=1316%2C866&amp;ssl=1\" data-orig-size=\"1316,866\" data-comments-opened=\"1\" data-image-meta=\"{&quot;aperture&quot;:&quot;0&quot;,&quot;credit&quot;:&quot;&quot;,&quot;camera&quot;:&quot;&quot;,&quot;caption&quot;:&quot;&quot;,&quot;created_timestamp&quot;:&quot;0&quot;,&quot;copyright&quot;:&quot;&quot;,&quot;focal_length&quot;:&quot;0&quot;,&quot;iso&quot;:&quot;0&quot;,&quot;shutter_speed&quot;:&quot;0&quot;,&quot;title&quot;:&quot;&quot;,&quot;orientation&quot;:&quot;0&quot;}\" data-image-title=\"Capture d\u2019e\u0301cran, le 2025-08-28 a\u0300 12.06.30\" data-image-description=\"\" data-image-caption=\"\" data-large-file=\"https:\/\/i0.wp.com\/itayachtscanada.com\/wp-content\/uploads\/2025\/08\/Capture-decran-le-2025-08-28-a-12.06.30.jpg?fit=700%2C461&amp;ssl=1\" \/><\/a>\n\t\t\t<\/div><\/figure><figure class='gallery-item'>\n\t\t\t<div class='gallery-icon landscape'>\n\t\t\t\t<a href='https:\/\/itayachtscanada.com\/fr\/listing\/absolute-navetta-58-2022-1985000-usd-for-sale\/capture-decran-le-2025-08-28-a-12-07-36\/'><img loading=\"lazy\" decoding=\"async\" width=\"300\" height=\"197\" src=\"https:\/\/i0.wp.com\/itayachtscanada.com\/wp-content\/uploads\/2025\/08\/Capture-decran-le-2025-08-28-a-12.07.36.jpg?fit=300%2C197&amp;ssl=1\" class=\"attachment-medium size-medium\" alt=\"\" srcset=\"https:\/\/i0.wp.com\/itayachtscanada.com\/wp-content\/uploads\/2025\/08\/Capture-decran-le-2025-08-28-a-12.07.36.jpg?w=1318&amp;ssl=1 1318w, https:\/\/i0.wp.com\/itayachtscanada.com\/wp-content\/uploads\/2025\/08\/Capture-decran-le-2025-08-28-a-12.07.36.jpg?resize=300%2C197&amp;ssl=1 300w, https:\/\/i0.wp.com\/itayachtscanada.com\/wp-content\/uploads\/2025\/08\/Capture-decran-le-2025-08-28-a-12.07.36.jpg?resize=1024%2C673&amp;ssl=1 1024w, https:\/\/i0.wp.com\/itayachtscanada.com\/wp-content\/uploads\/2025\/08\/Capture-decran-le-2025-08-28-a-12.07.36.jpg?resize=768%2C505&amp;ssl=1 768w, https:\/\/i0.wp.com\/itayachtscanada.com\/wp-content\/uploads\/2025\/08\/Capture-decran-le-2025-08-28-a-12.07.36.jpg?resize=700%2C460&amp;ssl=1 700w, https:\/\/i0.wp.com\/itayachtscanada.com\/wp-content\/uploads\/2025\/08\/Capture-decran-le-2025-08-28-a-12.07.36.jpg?resize=609%2C400&amp;ssl=1 609w\" sizes=\"auto, (max-width: 300px) 100vw, 300px\" data-attachment-id=\"288809\" data-permalink=\"https:\/\/itayachtscanada.com\/fr\/listing\/absolute-navetta-58-2022-1985000-usd-for-sale\/capture-decran-le-2025-08-28-a-12-07-36\/\" data-orig-file=\"https:\/\/i0.wp.com\/itayachtscanada.com\/wp-content\/uploads\/2025\/08\/Capture-decran-le-2025-08-28-a-12.07.36.jpg?fit=1318%2C866&amp;ssl=1\" data-orig-size=\"1318,866\" data-comments-opened=\"1\" data-image-meta=\"{&quot;aperture&quot;:&quot;0&quot;,&quot;credit&quot;:&quot;&quot;,&quot;camera&quot;:&quot;&quot;,&quot;caption&quot;:&quot;&quot;,&quot;created_timestamp&quot;:&quot;0&quot;,&quot;copyright&quot;:&quot;&quot;,&quot;focal_length&quot;:&quot;0&quot;,&quot;iso&quot;:&quot;0&quot;,&quot;shutter_speed&quot;:&quot;0&quot;,&quot;title&quot;:&quot;&quot;,&quot;orientation&quot;:&quot;0&quot;}\" data-image-title=\"Capture d\u2019e\u0301cran, le 2025-08-28 a\u0300 12.07.36\" data-image-description=\"\" data-image-caption=\"\" data-large-file=\"https:\/\/i0.wp.com\/itayachtscanada.com\/wp-content\/uploads\/2025\/08\/Capture-decran-le-2025-08-28-a-12.07.36.jpg?fit=700%2C460&amp;ssl=1\" \/><\/a>\n\t\t\t<\/div><\/figure><figure class='gallery-item'>\n\t\t\t<div class='gallery-icon landscape'>\n\t\t\t\t<a href='https:\/\/itayachtscanada.com\/fr\/listing\/absolute-navetta-58-2022-1985000-usd-for-sale\/capture-decran-le-2025-08-28-a-12-07-31\/'><img loading=\"lazy\" decoding=\"async\" width=\"300\" height=\"197\" src=\"https:\/\/i0.wp.com\/itayachtscanada.com\/wp-content\/uploads\/2025\/08\/Capture-decran-le-2025-08-28-a-12.07.31.jpg?fit=300%2C197&amp;ssl=1\" class=\"attachment-medium size-medium\" alt=\"\" srcset=\"https:\/\/i0.wp.com\/itayachtscanada.com\/wp-content\/uploads\/2025\/08\/Capture-decran-le-2025-08-28-a-12.07.31.jpg?w=1318&amp;ssl=1 1318w, https:\/\/i0.wp.com\/itayachtscanada.com\/wp-content\/uploads\/2025\/08\/Capture-decran-le-2025-08-28-a-12.07.31.jpg?resize=300%2C197&amp;ssl=1 300w, https:\/\/i0.wp.com\/itayachtscanada.com\/wp-content\/uploads\/2025\/08\/Capture-decran-le-2025-08-28-a-12.07.31.jpg?resize=1024%2C673&amp;ssl=1 1024w, https:\/\/i0.wp.com\/itayachtscanada.com\/wp-content\/uploads\/2025\/08\/Capture-decran-le-2025-08-28-a-12.07.31.jpg?resize=768%2C505&amp;ssl=1 768w, https:\/\/i0.wp.com\/itayachtscanada.com\/wp-content\/uploads\/2025\/08\/Capture-decran-le-2025-08-28-a-12.07.31.jpg?resize=700%2C460&amp;ssl=1 700w, https:\/\/i0.wp.com\/itayachtscanada.com\/wp-content\/uploads\/2025\/08\/Capture-decran-le-2025-08-28-a-12.07.31.jpg?resize=609%2C400&amp;ssl=1 609w\" sizes=\"auto, (max-width: 300px) 100vw, 300px\" data-attachment-id=\"288810\" data-permalink=\"https:\/\/itayachtscanada.com\/fr\/listing\/absolute-navetta-58-2022-1985000-usd-for-sale\/capture-decran-le-2025-08-28-a-12-07-31\/\" data-orig-file=\"https:\/\/i0.wp.com\/itayachtscanada.com\/wp-content\/uploads\/2025\/08\/Capture-decran-le-2025-08-28-a-12.07.31.jpg?fit=1318%2C866&amp;ssl=1\" data-orig-size=\"1318,866\" data-comments-opened=\"1\" data-image-meta=\"{&quot;aperture&quot;:&quot;0&quot;,&quot;credit&quot;:&quot;&quot;,&quot;camera&quot;:&quot;&quot;,&quot;caption&quot;:&quot;&quot;,&quot;created_timestamp&quot;:&quot;0&quot;,&quot;copyright&quot;:&quot;&quot;,&quot;focal_length&quot;:&quot;0&quot;,&quot;iso&quot;:&quot;0&quot;,&quot;shutter_speed&quot;:&quot;0&quot;,&quot;title&quot;:&quot;&quot;,&quot;orientation&quot;:&quot;0&quot;}\" data-image-title=\"Capture d\u2019e\u0301cran, le 2025-08-28 a\u0300 12.07.31\" data-image-description=\"\" data-image-caption=\"\" data-large-file=\"https:\/\/i0.wp.com\/itayachtscanada.com\/wp-content\/uploads\/2025\/08\/Capture-decran-le-2025-08-28-a-12.07.31.jpg?fit=700%2C460&amp;ssl=1\" \/><\/a>\n\t\t\t<\/div><\/figure><figure class='gallery-item'>\n\t\t\t<div class='gallery-icon landscape'>\n\t\t\t\t<a href='https:\/\/itayachtscanada.com\/fr\/listing\/absolute-navetta-58-2022-1985000-usd-for-sale\/capture-decran-le-2025-08-28-a-12-06-34\/'><img loading=\"lazy\" decoding=\"async\" width=\"300\" height=\"197\" src=\"https:\/\/i0.wp.com\/itayachtscanada.com\/wp-content\/uploads\/2025\/08\/Capture-decran-le-2025-08-28-a-12.06.34.jpg?fit=300%2C197&amp;ssl=1\" class=\"attachment-medium size-medium\" alt=\"\" srcset=\"https:\/\/i0.wp.com\/itayachtscanada.com\/wp-content\/uploads\/2025\/08\/Capture-decran-le-2025-08-28-a-12.06.34.jpg?w=1316&amp;ssl=1 1316w, https:\/\/i0.wp.com\/itayachtscanada.com\/wp-content\/uploads\/2025\/08\/Capture-decran-le-2025-08-28-a-12.06.34.jpg?resize=300%2C197&amp;ssl=1 300w, https:\/\/i0.wp.com\/itayachtscanada.com\/wp-content\/uploads\/2025\/08\/Capture-decran-le-2025-08-28-a-12.06.34.jpg?resize=1024%2C674&amp;ssl=1 1024w, https:\/\/i0.wp.com\/itayachtscanada.com\/wp-content\/uploads\/2025\/08\/Capture-decran-le-2025-08-28-a-12.06.34.jpg?resize=768%2C505&amp;ssl=1 768w, https:\/\/i0.wp.com\/itayachtscanada.com\/wp-content\/uploads\/2025\/08\/Capture-decran-le-2025-08-28-a-12.06.34.jpg?resize=700%2C461&amp;ssl=1 700w, https:\/\/i0.wp.com\/itayachtscanada.com\/wp-content\/uploads\/2025\/08\/Capture-decran-le-2025-08-28-a-12.06.34.jpg?resize=608%2C400&amp;ssl=1 608w\" sizes=\"auto, (max-width: 300px) 100vw, 300px\" data-attachment-id=\"288819\" data-permalink=\"https:\/\/itayachtscanada.com\/fr\/listing\/absolute-navetta-58-2022-1985000-usd-for-sale\/capture-decran-le-2025-08-28-a-12-06-34\/\" data-orig-file=\"https:\/\/i0.wp.com\/itayachtscanada.com\/wp-content\/uploads\/2025\/08\/Capture-decran-le-2025-08-28-a-12.06.34.jpg?fit=1316%2C866&amp;ssl=1\" data-orig-size=\"1316,866\" data-comments-opened=\"1\" data-image-meta=\"{&quot;aperture&quot;:&quot;0&quot;,&quot;credit&quot;:&quot;&quot;,&quot;camera&quot;:&quot;&quot;,&quot;caption&quot;:&quot;&quot;,&quot;created_timestamp&quot;:&quot;0&quot;,&quot;copyright&quot;:&quot;&quot;,&quot;focal_length&quot;:&quot;0&quot;,&quot;iso&quot;:&quot;0&quot;,&quot;shutter_speed&quot;:&quot;0&quot;,&quot;title&quot;:&quot;&quot;,&quot;orientation&quot;:&quot;0&quot;}\" data-image-title=\"Capture d\u2019e\u0301cran, le 2025-08-28 a\u0300 12.06.34\" data-image-description=\"\" data-image-caption=\"\" data-large-file=\"https:\/\/i0.wp.com\/itayachtscanada.com\/wp-content\/uploads\/2025\/08\/Capture-decran-le-2025-08-28-a-12.06.34.jpg?fit=700%2C461&amp;ssl=1\" \/><\/a>\n\t\t\t<\/div><\/figure><figure class='gallery-item'>\n\t\t\t<div class='gallery-icon landscape'>\n\t\t\t\t<a href='https:\/\/itayachtscanada.com\/fr\/listing\/absolute-navetta-58-2022-1985000-usd-for-sale\/capture-decran-le-2025-08-28-a-12-05-03\/'><img loading=\"lazy\" decoding=\"async\" width=\"300\" height=\"197\" src=\"https:\/\/i0.wp.com\/itayachtscanada.com\/wp-content\/uploads\/2025\/08\/Capture-decran-le-2025-08-28-a-12.05.03.jpg?fit=300%2C197&amp;ssl=1\" class=\"attachment-medium size-medium\" alt=\"\" srcset=\"https:\/\/i0.wp.com\/itayachtscanada.com\/wp-content\/uploads\/2025\/08\/Capture-decran-le-2025-08-28-a-12.05.03.jpg?w=1316&amp;ssl=1 1316w, https:\/\/i0.wp.com\/itayachtscanada.com\/wp-content\/uploads\/2025\/08\/Capture-decran-le-2025-08-28-a-12.05.03.jpg?resize=300%2C197&amp;ssl=1 300w, https:\/\/i0.wp.com\/itayachtscanada.com\/wp-content\/uploads\/2025\/08\/Capture-decran-le-2025-08-28-a-12.05.03.jpg?resize=1024%2C674&amp;ssl=1 1024w, https:\/\/i0.wp.com\/itayachtscanada.com\/wp-content\/uploads\/2025\/08\/Capture-decran-le-2025-08-28-a-12.05.03.jpg?resize=768%2C505&amp;ssl=1 768w, https:\/\/i0.wp.com\/itayachtscanada.com\/wp-content\/uploads\/2025\/08\/Capture-decran-le-2025-08-28-a-12.05.03.jpg?resize=700%2C461&amp;ssl=1 700w, https:\/\/i0.wp.com\/itayachtscanada.com\/wp-content\/uploads\/2025\/08\/Capture-decran-le-2025-08-28-a-12.05.03.jpg?resize=608%2C400&amp;ssl=1 608w\" sizes=\"auto, (max-width: 300px) 100vw, 300px\" data-attachment-id=\"288834\" data-permalink=\"https:\/\/itayachtscanada.com\/fr\/listing\/absolute-navetta-58-2022-1985000-usd-for-sale\/capture-decran-le-2025-08-28-a-12-05-03\/\" data-orig-file=\"https:\/\/i0.wp.com\/itayachtscanada.com\/wp-content\/uploads\/2025\/08\/Capture-decran-le-2025-08-28-a-12.05.03.jpg?fit=1316%2C866&amp;ssl=1\" data-orig-size=\"1316,866\" data-comments-opened=\"1\" data-image-meta=\"{&quot;aperture&quot;:&quot;0&quot;,&quot;credit&quot;:&quot;&quot;,&quot;camera&quot;:&quot;&quot;,&quot;caption&quot;:&quot;&quot;,&quot;created_timestamp&quot;:&quot;0&quot;,&quot;copyright&quot;:&quot;&quot;,&quot;focal_length&quot;:&quot;0&quot;,&quot;iso&quot;:&quot;0&quot;,&quot;shutter_speed&quot;:&quot;0&quot;,&quot;title&quot;:&quot;&quot;,&quot;orientation&quot;:&quot;0&quot;}\" data-image-title=\"Capture d\u2019e\u0301cran, le 2025-08-28 a\u0300 12.05.03\" data-image-description=\"\" data-image-caption=\"\" data-large-file=\"https:\/\/i0.wp.com\/itayachtscanada.com\/wp-content\/uploads\/2025\/08\/Capture-decran-le-2025-08-28-a-12.05.03.jpg?fit=700%2C461&amp;ssl=1\" \/><\/a>\n\t\t\t<\/div><\/figure><figure class='gallery-item'>\n\t\t\t<div class='gallery-icon landscape'>\n\t\t\t\t<a href='https:\/\/itayachtscanada.com\/fr\/listing\/absolute-navetta-58-2022-1985000-usd-for-sale\/capture-decran-le-2025-08-28-a-12-04-57\/'><img loading=\"lazy\" decoding=\"async\" width=\"300\" height=\"197\" src=\"https:\/\/i0.wp.com\/itayachtscanada.com\/wp-content\/uploads\/2025\/08\/Capture-decran-le-2025-08-28-a-12.04.57.jpg?fit=300%2C197&amp;ssl=1\" class=\"attachment-medium size-medium\" alt=\"\" srcset=\"https:\/\/i0.wp.com\/itayachtscanada.com\/wp-content\/uploads\/2025\/08\/Capture-decran-le-2025-08-28-a-12.04.57.jpg?w=1316&amp;ssl=1 1316w, https:\/\/i0.wp.com\/itayachtscanada.com\/wp-content\/uploads\/2025\/08\/Capture-decran-le-2025-08-28-a-12.04.57.jpg?resize=300%2C197&amp;ssl=1 300w, https:\/\/i0.wp.com\/itayachtscanada.com\/wp-content\/uploads\/2025\/08\/Capture-decran-le-2025-08-28-a-12.04.57.jpg?resize=1024%2C674&amp;ssl=1 1024w, https:\/\/i0.wp.com\/itayachtscanada.com\/wp-content\/uploads\/2025\/08\/Capture-decran-le-2025-08-28-a-12.04.57.jpg?resize=768%2C505&amp;ssl=1 768w, https:\/\/i0.wp.com\/itayachtscanada.com\/wp-content\/uploads\/2025\/08\/Capture-decran-le-2025-08-28-a-12.04.57.jpg?resize=700%2C461&amp;ssl=1 700w, https:\/\/i0.wp.com\/itayachtscanada.com\/wp-content\/uploads\/2025\/08\/Capture-decran-le-2025-08-28-a-12.04.57.jpg?resize=608%2C400&amp;ssl=1 608w\" sizes=\"auto, (max-width: 300px) 100vw, 300px\" data-attachment-id=\"288835\" data-permalink=\"https:\/\/itayachtscanada.com\/fr\/listing\/absolute-navetta-58-2022-1985000-usd-for-sale\/capture-decran-le-2025-08-28-a-12-04-57\/\" data-orig-file=\"https:\/\/i0.wp.com\/itayachtscanada.com\/wp-content\/uploads\/2025\/08\/Capture-decran-le-2025-08-28-a-12.04.57.jpg?fit=1316%2C866&amp;ssl=1\" data-orig-size=\"1316,866\" data-comments-opened=\"1\" data-image-meta=\"{&quot;aperture&quot;:&quot;0&quot;,&quot;credit&quot;:&quot;&quot;,&quot;camera&quot;:&quot;&quot;,&quot;caption&quot;:&quot;&quot;,&quot;created_timestamp&quot;:&quot;0&quot;,&quot;copyright&quot;:&quot;&quot;,&quot;focal_length&quot;:&quot;0&quot;,&quot;iso&quot;:&quot;0&quot;,&quot;shutter_speed&quot;:&quot;0&quot;,&quot;title&quot;:&quot;&quot;,&quot;orientation&quot;:&quot;0&quot;}\" data-image-title=\"Capture d\u2019e\u0301cran, le 2025-08-28 a\u0300 12.04.57\" data-image-description=\"\" data-image-caption=\"\" data-large-file=\"https:\/\/i0.wp.com\/itayachtscanada.com\/wp-content\/uploads\/2025\/08\/Capture-decran-le-2025-08-28-a-12.04.57.jpg?fit=700%2C461&amp;ssl=1\" \/><\/a>\n\t\t\t<\/div><\/figure><figure class='gallery-item'>\n\t\t\t<div class='gallery-icon landscape'>\n\t\t\t\t<a href='https:\/\/itayachtscanada.com\/fr\/listing\/absolute-navetta-58-2022-1985000-usd-for-sale\/capture-decran-le-2025-08-28-a-12-04-54\/'><img loading=\"lazy\" decoding=\"async\" width=\"300\" height=\"199\" src=\"https:\/\/i0.wp.com\/itayachtscanada.com\/wp-content\/uploads\/2025\/08\/Capture-decran-le-2025-08-28-a-12.04.54.jpg?fit=300%2C199&amp;ssl=1\" class=\"attachment-medium size-medium\" alt=\"\" srcset=\"https:\/\/i0.wp.com\/itayachtscanada.com\/wp-content\/uploads\/2025\/08\/Capture-decran-le-2025-08-28-a-12.04.54.jpg?w=1306&amp;ssl=1 1306w, https:\/\/i0.wp.com\/itayachtscanada.com\/wp-content\/uploads\/2025\/08\/Capture-decran-le-2025-08-28-a-12.04.54.jpg?resize=300%2C199&amp;ssl=1 300w, https:\/\/i0.wp.com\/itayachtscanada.com\/wp-content\/uploads\/2025\/08\/Capture-decran-le-2025-08-28-a-12.04.54.jpg?resize=1024%2C679&amp;ssl=1 1024w, https:\/\/i0.wp.com\/itayachtscanada.com\/wp-content\/uploads\/2025\/08\/Capture-decran-le-2025-08-28-a-12.04.54.jpg?resize=768%2C509&amp;ssl=1 768w, https:\/\/i0.wp.com\/itayachtscanada.com\/wp-content\/uploads\/2025\/08\/Capture-decran-le-2025-08-28-a-12.04.54.jpg?resize=700%2C464&amp;ssl=1 700w, https:\/\/i0.wp.com\/itayachtscanada.com\/wp-content\/uploads\/2025\/08\/Capture-decran-le-2025-08-28-a-12.04.54.jpg?resize=900%2C600&amp;ssl=1 900w, https:\/\/i0.wp.com\/itayachtscanada.com\/wp-content\/uploads\/2025\/08\/Capture-decran-le-2025-08-28-a-12.04.54.jpg?resize=603%2C400&amp;ssl=1 603w\" sizes=\"auto, (max-width: 300px) 100vw, 300px\" data-attachment-id=\"288836\" data-permalink=\"https:\/\/itayachtscanada.com\/fr\/listing\/absolute-navetta-58-2022-1985000-usd-for-sale\/capture-decran-le-2025-08-28-a-12-04-54\/\" data-orig-file=\"https:\/\/i0.wp.com\/itayachtscanada.com\/wp-content\/uploads\/2025\/08\/Capture-decran-le-2025-08-28-a-12.04.54.jpg?fit=1306%2C866&amp;ssl=1\" data-orig-size=\"1306,866\" data-comments-opened=\"1\" data-image-meta=\"{&quot;aperture&quot;:&quot;0&quot;,&quot;credit&quot;:&quot;&quot;,&quot;camera&quot;:&quot;&quot;,&quot;caption&quot;:&quot;&quot;,&quot;created_timestamp&quot;:&quot;0&quot;,&quot;copyright&quot;:&quot;&quot;,&quot;focal_length&quot;:&quot;0&quot;,&quot;iso&quot;:&quot;0&quot;,&quot;shutter_speed&quot;:&quot;0&quot;,&quot;title&quot;:&quot;&quot;,&quot;orientation&quot;:&quot;0&quot;}\" data-image-title=\"Capture d\u2019e\u0301cran, le 2025-08-28 a\u0300 12.04.54\" data-image-description=\"\" data-image-caption=\"\" data-large-file=\"https:\/\/i0.wp.com\/itayachtscanada.com\/wp-content\/uploads\/2025\/08\/Capture-decran-le-2025-08-28-a-12.04.54.jpg?fit=700%2C464&amp;ssl=1\" \/><\/a>\n\t\t\t<\/div><\/figure><figure class='gallery-item'>\n\t\t\t<div class='gallery-icon landscape'>\n\t\t\t\t<a href='https:\/\/itayachtscanada.com\/fr\/listing\/absolute-navetta-58-2022-1985000-usd-for-sale\/capture-decran-le-2025-08-28-a-12-04-50\/'><img loading=\"lazy\" decoding=\"async\" width=\"300\" height=\"199\" src=\"https:\/\/i0.wp.com\/itayachtscanada.com\/wp-content\/uploads\/2025\/08\/Capture-decran-le-2025-08-28-a-12.04.50.jpg?fit=300%2C199&amp;ssl=1\" class=\"attachment-medium size-medium\" alt=\"\" srcset=\"https:\/\/i0.wp.com\/itayachtscanada.com\/wp-content\/uploads\/2025\/08\/Capture-decran-le-2025-08-28-a-12.04.50.jpg?w=1306&amp;ssl=1 1306w, https:\/\/i0.wp.com\/itayachtscanada.com\/wp-content\/uploads\/2025\/08\/Capture-decran-le-2025-08-28-a-12.04.50.jpg?resize=300%2C199&amp;ssl=1 300w, https:\/\/i0.wp.com\/itayachtscanada.com\/wp-content\/uploads\/2025\/08\/Capture-decran-le-2025-08-28-a-12.04.50.jpg?resize=1024%2C679&amp;ssl=1 1024w, https:\/\/i0.wp.com\/itayachtscanada.com\/wp-content\/uploads\/2025\/08\/Capture-decran-le-2025-08-28-a-12.04.50.jpg?resize=768%2C509&amp;ssl=1 768w, https:\/\/i0.wp.com\/itayachtscanada.com\/wp-content\/uploads\/2025\/08\/Capture-decran-le-2025-08-28-a-12.04.50.jpg?resize=700%2C464&amp;ssl=1 700w, https:\/\/i0.wp.com\/itayachtscanada.com\/wp-content\/uploads\/2025\/08\/Capture-decran-le-2025-08-28-a-12.04.50.jpg?resize=900%2C600&amp;ssl=1 900w, https:\/\/i0.wp.com\/itayachtscanada.com\/wp-content\/uploads\/2025\/08\/Capture-decran-le-2025-08-28-a-12.04.50.jpg?resize=603%2C400&amp;ssl=1 603w\" sizes=\"auto, (max-width: 300px) 100vw, 300px\" data-attachment-id=\"288837\" data-permalink=\"https:\/\/itayachtscanada.com\/fr\/listing\/absolute-navetta-58-2022-1985000-usd-for-sale\/capture-decran-le-2025-08-28-a-12-04-50\/\" data-orig-file=\"https:\/\/i0.wp.com\/itayachtscanada.com\/wp-content\/uploads\/2025\/08\/Capture-decran-le-2025-08-28-a-12.04.50.jpg?fit=1306%2C866&amp;ssl=1\" data-orig-size=\"1306,866\" data-comments-opened=\"1\" data-image-meta=\"{&quot;aperture&quot;:&quot;0&quot;,&quot;credit&quot;:&quot;&quot;,&quot;camera&quot;:&quot;&quot;,&quot;caption&quot;:&quot;&quot;,&quot;created_timestamp&quot;:&quot;0&quot;,&quot;copyright&quot;:&quot;&quot;,&quot;focal_length&quot;:&quot;0&quot;,&quot;iso&quot;:&quot;0&quot;,&quot;shutter_speed&quot;:&quot;0&quot;,&quot;title&quot;:&quot;&quot;,&quot;orientation&quot;:&quot;0&quot;}\" data-image-title=\"Capture d\u2019e\u0301cran, le 2025-08-28 a\u0300 12.04.50\" data-image-description=\"\" data-image-caption=\"\" data-large-file=\"https:\/\/i0.wp.com\/itayachtscanada.com\/wp-content\/uploads\/2025\/08\/Capture-decran-le-2025-08-28-a-12.04.50.jpg?fit=700%2C464&amp;ssl=1\" \/><\/a>\n\t\t\t<\/div><\/figure><figure class='gallery-item'>\n\t\t\t<div class='gallery-icon landscape'>\n\t\t\t\t<a href='https:\/\/itayachtscanada.com\/fr\/listing\/absolute-navetta-58-2022-1985000-usd-for-sale\/capture-decran-le-2025-08-28-a-12-04-47\/'><img loading=\"lazy\" decoding=\"async\" width=\"300\" height=\"199\" src=\"https:\/\/i0.wp.com\/itayachtscanada.com\/wp-content\/uploads\/2025\/08\/Capture-decran-le-2025-08-28-a-12.04.47.jpg?fit=300%2C199&amp;ssl=1\" class=\"attachment-medium size-medium\" alt=\"\" srcset=\"https:\/\/i0.wp.com\/itayachtscanada.com\/wp-content\/uploads\/2025\/08\/Capture-decran-le-2025-08-28-a-12.04.47.jpg?w=1306&amp;ssl=1 1306w, https:\/\/i0.wp.com\/itayachtscanada.com\/wp-content\/uploads\/2025\/08\/Capture-decran-le-2025-08-28-a-12.04.47.jpg?resize=300%2C199&amp;ssl=1 300w, https:\/\/i0.wp.com\/itayachtscanada.com\/wp-content\/uploads\/2025\/08\/Capture-decran-le-2025-08-28-a-12.04.47.jpg?resize=1024%2C679&amp;ssl=1 1024w, https:\/\/i0.wp.com\/itayachtscanada.com\/wp-content\/uploads\/2025\/08\/Capture-decran-le-2025-08-28-a-12.04.47.jpg?resize=768%2C509&amp;ssl=1 768w, https:\/\/i0.wp.com\/itayachtscanada.com\/wp-content\/uploads\/2025\/08\/Capture-decran-le-2025-08-28-a-12.04.47.jpg?resize=700%2C464&amp;ssl=1 700w, https:\/\/i0.wp.com\/itayachtscanada.com\/wp-content\/uploads\/2025\/08\/Capture-decran-le-2025-08-28-a-12.04.47.jpg?resize=900%2C600&amp;ssl=1 900w, https:\/\/i0.wp.com\/itayachtscanada.com\/wp-content\/uploads\/2025\/08\/Capture-decran-le-2025-08-28-a-12.04.47.jpg?resize=603%2C400&amp;ssl=1 603w\" sizes=\"auto, (max-width: 300px) 100vw, 300px\" data-attachment-id=\"288838\" data-permalink=\"https:\/\/itayachtscanada.com\/fr\/listing\/absolute-navetta-58-2022-1985000-usd-for-sale\/capture-decran-le-2025-08-28-a-12-04-47\/\" data-orig-file=\"https:\/\/i0.wp.com\/itayachtscanada.com\/wp-content\/uploads\/2025\/08\/Capture-decran-le-2025-08-28-a-12.04.47.jpg?fit=1306%2C866&amp;ssl=1\" data-orig-size=\"1306,866\" data-comments-opened=\"1\" data-image-meta=\"{&quot;aperture&quot;:&quot;0&quot;,&quot;credit&quot;:&quot;&quot;,&quot;camera&quot;:&quot;&quot;,&quot;caption&quot;:&quot;&quot;,&quot;created_timestamp&quot;:&quot;0&quot;,&quot;copyright&quot;:&quot;&quot;,&quot;focal_length&quot;:&quot;0&quot;,&quot;iso&quot;:&quot;0&quot;,&quot;shutter_speed&quot;:&quot;0&quot;,&quot;title&quot;:&quot;&quot;,&quot;orientation&quot;:&quot;0&quot;}\" data-image-title=\"Capture d\u2019e\u0301cran, le 2025-08-28 a\u0300 12.04.47\" data-image-description=\"\" data-image-caption=\"\" data-large-file=\"https:\/\/i0.wp.com\/itayachtscanada.com\/wp-content\/uploads\/2025\/08\/Capture-decran-le-2025-08-28-a-12.04.47.jpg?fit=700%2C464&amp;ssl=1\" \/><\/a>\n\t\t\t<\/div><\/figure><figure class='gallery-item'>\n\t\t\t<div class='gallery-icon landscape'>\n\t\t\t\t<a href='https:\/\/itayachtscanada.com\/fr\/listing\/absolute-navetta-58-2022-1985000-usd-for-sale\/capture-decran-le-2025-08-28-a-12-04-43\/'><img loading=\"lazy\" decoding=\"async\" width=\"300\" height=\"199\" src=\"https:\/\/i0.wp.com\/itayachtscanada.com\/wp-content\/uploads\/2025\/08\/Capture-decran-le-2025-08-28-a-12.04.43.jpg?fit=300%2C199&amp;ssl=1\" class=\"attachment-medium size-medium\" alt=\"\" srcset=\"https:\/\/i0.wp.com\/itayachtscanada.com\/wp-content\/uploads\/2025\/08\/Capture-decran-le-2025-08-28-a-12.04.43.jpg?w=1306&amp;ssl=1 1306w, https:\/\/i0.wp.com\/itayachtscanada.com\/wp-content\/uploads\/2025\/08\/Capture-decran-le-2025-08-28-a-12.04.43.jpg?resize=300%2C199&amp;ssl=1 300w, https:\/\/i0.wp.com\/itayachtscanada.com\/wp-content\/uploads\/2025\/08\/Capture-decran-le-2025-08-28-a-12.04.43.jpg?resize=1024%2C679&amp;ssl=1 1024w, https:\/\/i0.wp.com\/itayachtscanada.com\/wp-content\/uploads\/2025\/08\/Capture-decran-le-2025-08-28-a-12.04.43.jpg?resize=768%2C509&amp;ssl=1 768w, https:\/\/i0.wp.com\/itayachtscanada.com\/wp-content\/uploads\/2025\/08\/Capture-decran-le-2025-08-28-a-12.04.43.jpg?resize=700%2C464&amp;ssl=1 700w, https:\/\/i0.wp.com\/itayachtscanada.com\/wp-content\/uploads\/2025\/08\/Capture-decran-le-2025-08-28-a-12.04.43.jpg?resize=900%2C600&amp;ssl=1 900w, https:\/\/i0.wp.com\/itayachtscanada.com\/wp-content\/uploads\/2025\/08\/Capture-decran-le-2025-08-28-a-12.04.43.jpg?resize=603%2C400&amp;ssl=1 603w\" sizes=\"auto, (max-width: 300px) 100vw, 300px\" data-attachment-id=\"288839\" data-permalink=\"https:\/\/itayachtscanada.com\/fr\/listing\/absolute-navetta-58-2022-1985000-usd-for-sale\/capture-decran-le-2025-08-28-a-12-04-43\/\" data-orig-file=\"https:\/\/i0.wp.com\/itayachtscanada.com\/wp-content\/uploads\/2025\/08\/Capture-decran-le-2025-08-28-a-12.04.43.jpg?fit=1306%2C866&amp;ssl=1\" data-orig-size=\"1306,866\" data-comments-opened=\"1\" data-image-meta=\"{&quot;aperture&quot;:&quot;0&quot;,&quot;credit&quot;:&quot;&quot;,&quot;camera&quot;:&quot;&quot;,&quot;caption&quot;:&quot;&quot;,&quot;created_timestamp&quot;:&quot;0&quot;,&quot;copyright&quot;:&quot;&quot;,&quot;focal_length&quot;:&quot;0&quot;,&quot;iso&quot;:&quot;0&quot;,&quot;shutter_speed&quot;:&quot;0&quot;,&quot;title&quot;:&quot;&quot;,&quot;orientation&quot;:&quot;0&quot;}\" data-image-title=\"Capture d\u2019e\u0301cran, le 2025-08-28 a\u0300 12.04.43\" data-image-description=\"\" data-image-caption=\"\" data-large-file=\"https:\/\/i0.wp.com\/itayachtscanada.com\/wp-content\/uploads\/2025\/08\/Capture-decran-le-2025-08-28-a-12.04.43.jpg?fit=700%2C464&amp;ssl=1\" \/><\/a>\n\t\t\t<\/div><\/figure><figure class='gallery-item'>\n\t\t\t<div class='gallery-icon landscape'>\n\t\t\t\t<a href='https:\/\/itayachtscanada.com\/fr\/listing\/absolute-navetta-58-2022-1985000-usd-for-sale\/capture-decran-le-2025-08-28-a-12-04-40\/'><img loading=\"lazy\" decoding=\"async\" width=\"300\" height=\"199\" src=\"https:\/\/i0.wp.com\/itayachtscanada.com\/wp-content\/uploads\/2025\/08\/Capture-decran-le-2025-08-28-a-12.04.40.jpg?fit=300%2C199&amp;ssl=1\" class=\"attachment-medium size-medium\" alt=\"\" srcset=\"https:\/\/i0.wp.com\/itayachtscanada.com\/wp-content\/uploads\/2025\/08\/Capture-decran-le-2025-08-28-a-12.04.40.jpg?w=1306&amp;ssl=1 1306w, https:\/\/i0.wp.com\/itayachtscanada.com\/wp-content\/uploads\/2025\/08\/Capture-decran-le-2025-08-28-a-12.04.40.jpg?resize=300%2C199&amp;ssl=1 300w, https:\/\/i0.wp.com\/itayachtscanada.com\/wp-content\/uploads\/2025\/08\/Capture-decran-le-2025-08-28-a-12.04.40.jpg?resize=1024%2C679&amp;ssl=1 1024w, https:\/\/i0.wp.com\/itayachtscanada.com\/wp-content\/uploads\/2025\/08\/Capture-decran-le-2025-08-28-a-12.04.40.jpg?resize=768%2C509&amp;ssl=1 768w, https:\/\/i0.wp.com\/itayachtscanada.com\/wp-content\/uploads\/2025\/08\/Capture-decran-le-2025-08-28-a-12.04.40.jpg?resize=700%2C464&amp;ssl=1 700w, https:\/\/i0.wp.com\/itayachtscanada.com\/wp-content\/uploads\/2025\/08\/Capture-decran-le-2025-08-28-a-12.04.40.jpg?resize=900%2C600&amp;ssl=1 900w, https:\/\/i0.wp.com\/itayachtscanada.com\/wp-content\/uploads\/2025\/08\/Capture-decran-le-2025-08-28-a-12.04.40.jpg?resize=603%2C400&amp;ssl=1 603w\" sizes=\"auto, (max-width: 300px) 100vw, 300px\" data-attachment-id=\"288840\" data-permalink=\"https:\/\/itayachtscanada.com\/fr\/listing\/absolute-navetta-58-2022-1985000-usd-for-sale\/capture-decran-le-2025-08-28-a-12-04-40\/\" data-orig-file=\"https:\/\/i0.wp.com\/itayachtscanada.com\/wp-content\/uploads\/2025\/08\/Capture-decran-le-2025-08-28-a-12.04.40.jpg?fit=1306%2C866&amp;ssl=1\" data-orig-size=\"1306,866\" data-comments-opened=\"1\" data-image-meta=\"{&quot;aperture&quot;:&quot;0&quot;,&quot;credit&quot;:&quot;&quot;,&quot;camera&quot;:&quot;&quot;,&quot;caption&quot;:&quot;&quot;,&quot;created_timestamp&quot;:&quot;0&quot;,&quot;copyright&quot;:&quot;&quot;,&quot;focal_length&quot;:&quot;0&quot;,&quot;iso&quot;:&quot;0&quot;,&quot;shutter_speed&quot;:&quot;0&quot;,&quot;title&quot;:&quot;&quot;,&quot;orientation&quot;:&quot;0&quot;}\" data-image-title=\"Capture d\u2019e\u0301cran, le 2025-08-28 a\u0300 12.04.40\" data-image-description=\"\" data-image-caption=\"\" data-large-file=\"https:\/\/i0.wp.com\/itayachtscanada.com\/wp-content\/uploads\/2025\/08\/Capture-decran-le-2025-08-28-a-12.04.40.jpg?fit=700%2C464&amp;ssl=1\" \/><\/a>\n\t\t\t<\/div><\/figure><figure class='gallery-item'>\n\t\t\t<div class='gallery-icon landscape'>\n\t\t\t\t<a href='https:\/\/itayachtscanada.com\/fr\/listing\/absolute-navetta-58-2022-1985000-usd-for-sale\/capture-decran-le-2025-08-28-a-12-04-36\/'><img loading=\"lazy\" decoding=\"async\" width=\"300\" height=\"199\" src=\"https:\/\/i0.wp.com\/itayachtscanada.com\/wp-content\/uploads\/2025\/08\/Capture-decran-le-2025-08-28-a-12.04.36.jpg?fit=300%2C199&amp;ssl=1\" class=\"attachment-medium size-medium\" alt=\"\" srcset=\"https:\/\/i0.wp.com\/itayachtscanada.com\/wp-content\/uploads\/2025\/08\/Capture-decran-le-2025-08-28-a-12.04.36.jpg?w=1306&amp;ssl=1 1306w, https:\/\/i0.wp.com\/itayachtscanada.com\/wp-content\/uploads\/2025\/08\/Capture-decran-le-2025-08-28-a-12.04.36.jpg?resize=300%2C199&amp;ssl=1 300w, https:\/\/i0.wp.com\/itayachtscanada.com\/wp-content\/uploads\/2025\/08\/Capture-decran-le-2025-08-28-a-12.04.36.jpg?resize=1024%2C679&amp;ssl=1 1024w, https:\/\/i0.wp.com\/itayachtscanada.com\/wp-content\/uploads\/2025\/08\/Capture-decran-le-2025-08-28-a-12.04.36.jpg?resize=768%2C509&amp;ssl=1 768w, https:\/\/i0.wp.com\/itayachtscanada.com\/wp-content\/uploads\/2025\/08\/Capture-decran-le-2025-08-28-a-12.04.36.jpg?resize=700%2C464&amp;ssl=1 700w, https:\/\/i0.wp.com\/itayachtscanada.com\/wp-content\/uploads\/2025\/08\/Capture-decran-le-2025-08-28-a-12.04.36.jpg?resize=900%2C600&amp;ssl=1 900w, https:\/\/i0.wp.com\/itayachtscanada.com\/wp-content\/uploads\/2025\/08\/Capture-decran-le-2025-08-28-a-12.04.36.jpg?resize=603%2C400&amp;ssl=1 603w\" sizes=\"auto, (max-width: 300px) 100vw, 300px\" data-attachment-id=\"288841\" data-permalink=\"https:\/\/itayachtscanada.com\/fr\/listing\/absolute-navetta-58-2022-1985000-usd-for-sale\/capture-decran-le-2025-08-28-a-12-04-36\/\" data-orig-file=\"https:\/\/i0.wp.com\/itayachtscanada.com\/wp-content\/uploads\/2025\/08\/Capture-decran-le-2025-08-28-a-12.04.36.jpg?fit=1306%2C866&amp;ssl=1\" data-orig-size=\"1306,866\" data-comments-opened=\"1\" data-image-meta=\"{&quot;aperture&quot;:&quot;0&quot;,&quot;credit&quot;:&quot;&quot;,&quot;camera&quot;:&quot;&quot;,&quot;caption&quot;:&quot;&quot;,&quot;created_timestamp&quot;:&quot;0&quot;,&quot;copyright&quot;:&quot;&quot;,&quot;focal_length&quot;:&quot;0&quot;,&quot;iso&quot;:&quot;0&quot;,&quot;shutter_speed&quot;:&quot;0&quot;,&quot;title&quot;:&quot;&quot;,&quot;orientation&quot;:&quot;0&quot;}\" data-image-title=\"Capture d\u2019e\u0301cran, le 2025-08-28 a\u0300 12.04.36\" data-image-description=\"\" data-image-caption=\"\" data-large-file=\"https:\/\/i0.wp.com\/itayachtscanada.com\/wp-content\/uploads\/2025\/08\/Capture-decran-le-2025-08-28-a-12.04.36.jpg?fit=700%2C464&amp;ssl=1\" \/><\/a>\n\t\t\t<\/div><\/figure><figure class='gallery-item'>\n\t\t\t<div class='gallery-icon landscape'>\n\t\t\t\t<a href='https:\/\/itayachtscanada.com\/fr\/listing\/absolute-navetta-58-2022-1985000-usd-for-sale\/capture-decran-le-2025-08-28-a-12-04-31\/'><img loading=\"lazy\" decoding=\"async\" width=\"300\" height=\"199\" src=\"https:\/\/i0.wp.com\/itayachtscanada.com\/wp-content\/uploads\/2025\/08\/Capture-decran-le-2025-08-28-a-12.04.31.jpg?fit=300%2C199&amp;ssl=1\" class=\"attachment-medium size-medium\" alt=\"\" srcset=\"https:\/\/i0.wp.com\/itayachtscanada.com\/wp-content\/uploads\/2025\/08\/Capture-decran-le-2025-08-28-a-12.04.31.jpg?w=1306&amp;ssl=1 1306w, https:\/\/i0.wp.com\/itayachtscanada.com\/wp-content\/uploads\/2025\/08\/Capture-decran-le-2025-08-28-a-12.04.31.jpg?resize=300%2C199&amp;ssl=1 300w, https:\/\/i0.wp.com\/itayachtscanada.com\/wp-content\/uploads\/2025\/08\/Capture-decran-le-2025-08-28-a-12.04.31.jpg?resize=1024%2C679&amp;ssl=1 1024w, https:\/\/i0.wp.com\/itayachtscanada.com\/wp-content\/uploads\/2025\/08\/Capture-decran-le-2025-08-28-a-12.04.31.jpg?resize=768%2C509&amp;ssl=1 768w, https:\/\/i0.wp.com\/itayachtscanada.com\/wp-content\/uploads\/2025\/08\/Capture-decran-le-2025-08-28-a-12.04.31.jpg?resize=700%2C464&amp;ssl=1 700w, https:\/\/i0.wp.com\/itayachtscanada.com\/wp-content\/uploads\/2025\/08\/Capture-decran-le-2025-08-28-a-12.04.31.jpg?resize=900%2C600&amp;ssl=1 900w, https:\/\/i0.wp.com\/itayachtscanada.com\/wp-content\/uploads\/2025\/08\/Capture-decran-le-2025-08-28-a-12.04.31.jpg?resize=603%2C400&amp;ssl=1 603w\" sizes=\"auto, (max-width: 300px) 100vw, 300px\" data-attachment-id=\"288842\" data-permalink=\"https:\/\/itayachtscanada.com\/fr\/listing\/absolute-navetta-58-2022-1985000-usd-for-sale\/capture-decran-le-2025-08-28-a-12-04-31\/\" data-orig-file=\"https:\/\/i0.wp.com\/itayachtscanada.com\/wp-content\/uploads\/2025\/08\/Capture-decran-le-2025-08-28-a-12.04.31.jpg?fit=1306%2C866&amp;ssl=1\" data-orig-size=\"1306,866\" data-comments-opened=\"1\" data-image-meta=\"{&quot;aperture&quot;:&quot;0&quot;,&quot;credit&quot;:&quot;&quot;,&quot;camera&quot;:&quot;&quot;,&quot;caption&quot;:&quot;&quot;,&quot;created_timestamp&quot;:&quot;0&quot;,&quot;copyright&quot;:&quot;&quot;,&quot;focal_length&quot;:&quot;0&quot;,&quot;iso&quot;:&quot;0&quot;,&quot;shutter_speed&quot;:&quot;0&quot;,&quot;title&quot;:&quot;&quot;,&quot;orientation&quot;:&quot;0&quot;}\" data-image-title=\"Capture d\u2019e\u0301cran, le 2025-08-28 a\u0300 12.04.31\" data-image-description=\"\" data-image-caption=\"\" data-large-file=\"https:\/\/i0.wp.com\/itayachtscanada.com\/wp-content\/uploads\/2025\/08\/Capture-decran-le-2025-08-28-a-12.04.31.jpg?fit=700%2C464&amp;ssl=1\" \/><\/a>\n\t\t\t<\/div><\/figure><figure class='gallery-item'>\n\t\t\t<div class='gallery-icon landscape'>\n\t\t\t\t<a href='https:\/\/itayachtscanada.com\/fr\/listing\/absolute-navetta-58-2022-1985000-usd-for-sale\/capture-decran-le-2025-08-28-a-12-04-28\/'><img loading=\"lazy\" decoding=\"async\" width=\"300\" height=\"199\" src=\"https:\/\/i0.wp.com\/itayachtscanada.com\/wp-content\/uploads\/2025\/08\/Capture-decran-le-2025-08-28-a-12.04.28.jpg?fit=300%2C199&amp;ssl=1\" class=\"attachment-medium size-medium\" alt=\"\" srcset=\"https:\/\/i0.wp.com\/itayachtscanada.com\/wp-content\/uploads\/2025\/08\/Capture-decran-le-2025-08-28-a-12.04.28.jpg?w=1306&amp;ssl=1 1306w, https:\/\/i0.wp.com\/itayachtscanada.com\/wp-content\/uploads\/2025\/08\/Capture-decran-le-2025-08-28-a-12.04.28.jpg?resize=300%2C199&amp;ssl=1 300w, https:\/\/i0.wp.com\/itayachtscanada.com\/wp-content\/uploads\/2025\/08\/Capture-decran-le-2025-08-28-a-12.04.28.jpg?resize=1024%2C679&amp;ssl=1 1024w, https:\/\/i0.wp.com\/itayachtscanada.com\/wp-content\/uploads\/2025\/08\/Capture-decran-le-2025-08-28-a-12.04.28.jpg?resize=768%2C509&amp;ssl=1 768w, https:\/\/i0.wp.com\/itayachtscanada.com\/wp-content\/uploads\/2025\/08\/Capture-decran-le-2025-08-28-a-12.04.28.jpg?resize=700%2C464&amp;ssl=1 700w, https:\/\/i0.wp.com\/itayachtscanada.com\/wp-content\/uploads\/2025\/08\/Capture-decran-le-2025-08-28-a-12.04.28.jpg?resize=900%2C600&amp;ssl=1 900w, https:\/\/i0.wp.com\/itayachtscanada.com\/wp-content\/uploads\/2025\/08\/Capture-decran-le-2025-08-28-a-12.04.28.jpg?resize=603%2C400&amp;ssl=1 603w\" sizes=\"auto, (max-width: 300px) 100vw, 300px\" data-attachment-id=\"288843\" data-permalink=\"https:\/\/itayachtscanada.com\/fr\/listing\/absolute-navetta-58-2022-1985000-usd-for-sale\/capture-decran-le-2025-08-28-a-12-04-28\/\" data-orig-file=\"https:\/\/i0.wp.com\/itayachtscanada.com\/wp-content\/uploads\/2025\/08\/Capture-decran-le-2025-08-28-a-12.04.28.jpg?fit=1306%2C866&amp;ssl=1\" data-orig-size=\"1306,866\" data-comments-opened=\"1\" data-image-meta=\"{&quot;aperture&quot;:&quot;0&quot;,&quot;credit&quot;:&quot;&quot;,&quot;camera&quot;:&quot;&quot;,&quot;caption&quot;:&quot;&quot;,&quot;created_timestamp&quot;:&quot;0&quot;,&quot;copyright&quot;:&quot;&quot;,&quot;focal_length&quot;:&quot;0&quot;,&quot;iso&quot;:&quot;0&quot;,&quot;shutter_speed&quot;:&quot;0&quot;,&quot;title&quot;:&quot;&quot;,&quot;orientation&quot;:&quot;0&quot;}\" data-image-title=\"Capture d\u2019e\u0301cran, le 2025-08-28 a\u0300 12.04.28\" data-image-description=\"\" data-image-caption=\"\" data-large-file=\"https:\/\/i0.wp.com\/itayachtscanada.com\/wp-content\/uploads\/2025\/08\/Capture-decran-le-2025-08-28-a-12.04.28.jpg?fit=700%2C464&amp;ssl=1\" \/><\/a>\n\t\t\t<\/div><\/figure><figure class='gallery-item'>\n\t\t\t<div class='gallery-icon landscape'>\n\t\t\t\t<a href='https:\/\/itayachtscanada.com\/fr\/listing\/absolute-navetta-58-2022-1985000-usd-for-sale\/capture-decran-le-2025-08-28-a-12-04-24\/'><img loading=\"lazy\" decoding=\"async\" width=\"300\" height=\"199\" src=\"https:\/\/i0.wp.com\/itayachtscanada.com\/wp-content\/uploads\/2025\/08\/Capture-decran-le-2025-08-28-a-12.04.24.jpg?fit=300%2C199&amp;ssl=1\" class=\"attachment-medium size-medium\" alt=\"\" srcset=\"https:\/\/i0.wp.com\/itayachtscanada.com\/wp-content\/uploads\/2025\/08\/Capture-decran-le-2025-08-28-a-12.04.24.jpg?w=1306&amp;ssl=1 1306w, https:\/\/i0.wp.com\/itayachtscanada.com\/wp-content\/uploads\/2025\/08\/Capture-decran-le-2025-08-28-a-12.04.24.jpg?resize=300%2C199&amp;ssl=1 300w, https:\/\/i0.wp.com\/itayachtscanada.com\/wp-content\/uploads\/2025\/08\/Capture-decran-le-2025-08-28-a-12.04.24.jpg?resize=1024%2C679&amp;ssl=1 1024w, https:\/\/i0.wp.com\/itayachtscanada.com\/wp-content\/uploads\/2025\/08\/Capture-decran-le-2025-08-28-a-12.04.24.jpg?resize=768%2C509&amp;ssl=1 768w, https:\/\/i0.wp.com\/itayachtscanada.com\/wp-content\/uploads\/2025\/08\/Capture-decran-le-2025-08-28-a-12.04.24.jpg?resize=700%2C464&amp;ssl=1 700w, https:\/\/i0.wp.com\/itayachtscanada.com\/wp-content\/uploads\/2025\/08\/Capture-decran-le-2025-08-28-a-12.04.24.jpg?resize=900%2C600&amp;ssl=1 900w, https:\/\/i0.wp.com\/itayachtscanada.com\/wp-content\/uploads\/2025\/08\/Capture-decran-le-2025-08-28-a-12.04.24.jpg?resize=603%2C400&amp;ssl=1 603w\" sizes=\"auto, (max-width: 300px) 100vw, 300px\" data-attachment-id=\"288844\" data-permalink=\"https:\/\/itayachtscanada.com\/fr\/listing\/absolute-navetta-58-2022-1985000-usd-for-sale\/capture-decran-le-2025-08-28-a-12-04-24\/\" data-orig-file=\"https:\/\/i0.wp.com\/itayachtscanada.com\/wp-content\/uploads\/2025\/08\/Capture-decran-le-2025-08-28-a-12.04.24.jpg?fit=1306%2C866&amp;ssl=1\" data-orig-size=\"1306,866\" data-comments-opened=\"1\" data-image-meta=\"{&quot;aperture&quot;:&quot;0&quot;,&quot;credit&quot;:&quot;&quot;,&quot;camera&quot;:&quot;&quot;,&quot;caption&quot;:&quot;&quot;,&quot;created_timestamp&quot;:&quot;0&quot;,&quot;copyright&quot;:&quot;&quot;,&quot;focal_length&quot;:&quot;0&quot;,&quot;iso&quot;:&quot;0&quot;,&quot;shutter_speed&quot;:&quot;0&quot;,&quot;title&quot;:&quot;&quot;,&quot;orientation&quot;:&quot;0&quot;}\" data-image-title=\"Capture d\u2019e\u0301cran, le 2025-08-28 a\u0300 12.04.24\" data-image-description=\"\" data-image-caption=\"\" data-large-file=\"https:\/\/i0.wp.com\/itayachtscanada.com\/wp-content\/uploads\/2025\/08\/Capture-decran-le-2025-08-28-a-12.04.24.jpg?fit=700%2C464&amp;ssl=1\" \/><\/a>\n\t\t\t<\/div><\/figure><figure class='gallery-item'>\n\t\t\t<div class='gallery-icon landscape'>\n\t\t\t\t<a href='https:\/\/itayachtscanada.com\/fr\/listing\/absolute-navetta-58-2022-1985000-usd-for-sale\/capture-decran-le-2025-08-28-a-12-04-17\/'><img loading=\"lazy\" decoding=\"async\" width=\"300\" height=\"199\" src=\"https:\/\/i0.wp.com\/itayachtscanada.com\/wp-content\/uploads\/2025\/08\/Capture-decran-le-2025-08-28-a-12.04.17.jpg?fit=300%2C199&amp;ssl=1\" class=\"attachment-medium size-medium\" alt=\"\" srcset=\"https:\/\/i0.wp.com\/itayachtscanada.com\/wp-content\/uploads\/2025\/08\/Capture-decran-le-2025-08-28-a-12.04.17.jpg?w=1306&amp;ssl=1 1306w, https:\/\/i0.wp.com\/itayachtscanada.com\/wp-content\/uploads\/2025\/08\/Capture-decran-le-2025-08-28-a-12.04.17.jpg?resize=300%2C199&amp;ssl=1 300w, https:\/\/i0.wp.com\/itayachtscanada.com\/wp-content\/uploads\/2025\/08\/Capture-decran-le-2025-08-28-a-12.04.17.jpg?resize=1024%2C679&amp;ssl=1 1024w, https:\/\/i0.wp.com\/itayachtscanada.com\/wp-content\/uploads\/2025\/08\/Capture-decran-le-2025-08-28-a-12.04.17.jpg?resize=768%2C509&amp;ssl=1 768w, https:\/\/i0.wp.com\/itayachtscanada.com\/wp-content\/uploads\/2025\/08\/Capture-decran-le-2025-08-28-a-12.04.17.jpg?resize=700%2C464&amp;ssl=1 700w, https:\/\/i0.wp.com\/itayachtscanada.com\/wp-content\/uploads\/2025\/08\/Capture-decran-le-2025-08-28-a-12.04.17.jpg?resize=900%2C600&amp;ssl=1 900w, https:\/\/i0.wp.com\/itayachtscanada.com\/wp-content\/uploads\/2025\/08\/Capture-decran-le-2025-08-28-a-12.04.17.jpg?resize=603%2C400&amp;ssl=1 603w\" sizes=\"auto, (max-width: 300px) 100vw, 300px\" data-attachment-id=\"288845\" data-permalink=\"https:\/\/itayachtscanada.com\/fr\/listing\/absolute-navetta-58-2022-1985000-usd-for-sale\/capture-decran-le-2025-08-28-a-12-04-17\/\" data-orig-file=\"https:\/\/i0.wp.com\/itayachtscanada.com\/wp-content\/uploads\/2025\/08\/Capture-decran-le-2025-08-28-a-12.04.17.jpg?fit=1306%2C866&amp;ssl=1\" data-orig-size=\"1306,866\" data-comments-opened=\"1\" data-image-meta=\"{&quot;aperture&quot;:&quot;0&quot;,&quot;credit&quot;:&quot;&quot;,&quot;camera&quot;:&quot;&quot;,&quot;caption&quot;:&quot;&quot;,&quot;created_timestamp&quot;:&quot;0&quot;,&quot;copyright&quot;:&quot;&quot;,&quot;focal_length&quot;:&quot;0&quot;,&quot;iso&quot;:&quot;0&quot;,&quot;shutter_speed&quot;:&quot;0&quot;,&quot;title&quot;:&quot;&quot;,&quot;orientation&quot;:&quot;0&quot;}\" data-image-title=\"Capture d\u2019e\u0301cran, le 2025-08-28 a\u0300 12.04.17\" data-image-description=\"\" data-image-caption=\"\" data-large-file=\"https:\/\/i0.wp.com\/itayachtscanada.com\/wp-content\/uploads\/2025\/08\/Capture-decran-le-2025-08-28-a-12.04.17.jpg?fit=700%2C464&amp;ssl=1\" \/><\/a>\n\t\t\t<\/div><\/figure><figure class='gallery-item'>\n\t\t\t<div class='gallery-icon landscape'>\n\t\t\t\t<a href='https:\/\/itayachtscanada.com\/fr\/listing\/absolute-navetta-58-2022-1985000-usd-for-sale\/capture-decran-le-2025-08-28-a-12-04-14\/'><img loading=\"lazy\" decoding=\"async\" width=\"300\" height=\"199\" src=\"https:\/\/i0.wp.com\/itayachtscanada.com\/wp-content\/uploads\/2025\/08\/Capture-decran-le-2025-08-28-a-12.04.14.jpg?fit=300%2C199&amp;ssl=1\" class=\"attachment-medium size-medium\" alt=\"\" srcset=\"https:\/\/i0.wp.com\/itayachtscanada.com\/wp-content\/uploads\/2025\/08\/Capture-decran-le-2025-08-28-a-12.04.14.jpg?w=1306&amp;ssl=1 1306w, https:\/\/i0.wp.com\/itayachtscanada.com\/wp-content\/uploads\/2025\/08\/Capture-decran-le-2025-08-28-a-12.04.14.jpg?resize=300%2C199&amp;ssl=1 300w, https:\/\/i0.wp.com\/itayachtscanada.com\/wp-content\/uploads\/2025\/08\/Capture-decran-le-2025-08-28-a-12.04.14.jpg?resize=1024%2C679&amp;ssl=1 1024w, https:\/\/i0.wp.com\/itayachtscanada.com\/wp-content\/uploads\/2025\/08\/Capture-decran-le-2025-08-28-a-12.04.14.jpg?resize=768%2C509&amp;ssl=1 768w, https:\/\/i0.wp.com\/itayachtscanada.com\/wp-content\/uploads\/2025\/08\/Capture-decran-le-2025-08-28-a-12.04.14.jpg?resize=700%2C464&amp;ssl=1 700w, https:\/\/i0.wp.com\/itayachtscanada.com\/wp-content\/uploads\/2025\/08\/Capture-decran-le-2025-08-28-a-12.04.14.jpg?resize=900%2C600&amp;ssl=1 900w, https:\/\/i0.wp.com\/itayachtscanada.com\/wp-content\/uploads\/2025\/08\/Capture-decran-le-2025-08-28-a-12.04.14.jpg?resize=603%2C400&amp;ssl=1 603w\" sizes=\"auto, (max-width: 300px) 100vw, 300px\" data-attachment-id=\"288846\" data-permalink=\"https:\/\/itayachtscanada.com\/fr\/listing\/absolute-navetta-58-2022-1985000-usd-for-sale\/capture-decran-le-2025-08-28-a-12-04-14\/\" data-orig-file=\"https:\/\/i0.wp.com\/itayachtscanada.com\/wp-content\/uploads\/2025\/08\/Capture-decran-le-2025-08-28-a-12.04.14.jpg?fit=1306%2C866&amp;ssl=1\" data-orig-size=\"1306,866\" data-comments-opened=\"1\" data-image-meta=\"{&quot;aperture&quot;:&quot;0&quot;,&quot;credit&quot;:&quot;&quot;,&quot;camera&quot;:&quot;&quot;,&quot;caption&quot;:&quot;&quot;,&quot;created_timestamp&quot;:&quot;0&quot;,&quot;copyright&quot;:&quot;&quot;,&quot;focal_length&quot;:&quot;0&quot;,&quot;iso&quot;:&quot;0&quot;,&quot;shutter_speed&quot;:&quot;0&quot;,&quot;title&quot;:&quot;&quot;,&quot;orientation&quot;:&quot;0&quot;}\" data-image-title=\"Capture d\u2019e\u0301cran, le 2025-08-28 a\u0300 12.04.14\" data-image-description=\"\" data-image-caption=\"\" data-large-file=\"https:\/\/i0.wp.com\/itayachtscanada.com\/wp-content\/uploads\/2025\/08\/Capture-decran-le-2025-08-28-a-12.04.14.jpg?fit=700%2C464&amp;ssl=1\" \/><\/a>\n\t\t\t<\/div><\/figure><figure class='gallery-item'>\n\t\t\t<div class='gallery-icon landscape'>\n\t\t\t\t<a href='https:\/\/itayachtscanada.com\/fr\/listing\/absolute-navetta-58-2022-1985000-usd-for-sale\/capture-decran-le-2025-08-28-a-12-04-11\/'><img loading=\"lazy\" decoding=\"async\" width=\"300\" height=\"199\" src=\"https:\/\/i0.wp.com\/itayachtscanada.com\/wp-content\/uploads\/2025\/08\/Capture-decran-le-2025-08-28-a-12.04.11.jpg?fit=300%2C199&amp;ssl=1\" class=\"attachment-medium size-medium\" alt=\"\" srcset=\"https:\/\/i0.wp.com\/itayachtscanada.com\/wp-content\/uploads\/2025\/08\/Capture-decran-le-2025-08-28-a-12.04.11.jpg?w=1306&amp;ssl=1 1306w, https:\/\/i0.wp.com\/itayachtscanada.com\/wp-content\/uploads\/2025\/08\/Capture-decran-le-2025-08-28-a-12.04.11.jpg?resize=300%2C199&amp;ssl=1 300w, https:\/\/i0.wp.com\/itayachtscanada.com\/wp-content\/uploads\/2025\/08\/Capture-decran-le-2025-08-28-a-12.04.11.jpg?resize=1024%2C679&amp;ssl=1 1024w, https:\/\/i0.wp.com\/itayachtscanada.com\/wp-content\/uploads\/2025\/08\/Capture-decran-le-2025-08-28-a-12.04.11.jpg?resize=768%2C509&amp;ssl=1 768w, https:\/\/i0.wp.com\/itayachtscanada.com\/wp-content\/uploads\/2025\/08\/Capture-decran-le-2025-08-28-a-12.04.11.jpg?resize=700%2C464&amp;ssl=1 700w, https:\/\/i0.wp.com\/itayachtscanada.com\/wp-content\/uploads\/2025\/08\/Capture-decran-le-2025-08-28-a-12.04.11.jpg?resize=900%2C600&amp;ssl=1 900w, https:\/\/i0.wp.com\/itayachtscanada.com\/wp-content\/uploads\/2025\/08\/Capture-decran-le-2025-08-28-a-12.04.11.jpg?resize=603%2C400&amp;ssl=1 603w\" sizes=\"auto, (max-width: 300px) 100vw, 300px\" data-attachment-id=\"288847\" data-permalink=\"https:\/\/itayachtscanada.com\/fr\/listing\/absolute-navetta-58-2022-1985000-usd-for-sale\/capture-decran-le-2025-08-28-a-12-04-11\/\" data-orig-file=\"https:\/\/i0.wp.com\/itayachtscanada.com\/wp-content\/uploads\/2025\/08\/Capture-decran-le-2025-08-28-a-12.04.11.jpg?fit=1306%2C866&amp;ssl=1\" data-orig-size=\"1306,866\" data-comments-opened=\"1\" data-image-meta=\"{&quot;aperture&quot;:&quot;0&quot;,&quot;credit&quot;:&quot;&quot;,&quot;camera&quot;:&quot;&quot;,&quot;caption&quot;:&quot;&quot;,&quot;created_timestamp&quot;:&quot;0&quot;,&quot;copyright&quot;:&quot;&quot;,&quot;focal_length&quot;:&quot;0&quot;,&quot;iso&quot;:&quot;0&quot;,&quot;shutter_speed&quot;:&quot;0&quot;,&quot;title&quot;:&quot;&quot;,&quot;orientation&quot;:&quot;0&quot;}\" data-image-title=\"Capture d\u2019e\u0301cran, le 2025-08-28 a\u0300 12.04.11\" data-image-description=\"\" data-image-caption=\"\" data-large-file=\"https:\/\/i0.wp.com\/itayachtscanada.com\/wp-content\/uploads\/2025\/08\/Capture-decran-le-2025-08-28-a-12.04.11.jpg?fit=700%2C464&amp;ssl=1\" \/><\/a>\n\t\t\t<\/div><\/figure><figure class='gallery-item'>\n\t\t\t<div class='gallery-icon landscape'>\n\t\t\t\t<a href='https:\/\/itayachtscanada.com\/fr\/listing\/absolute-navetta-58-2022-1985000-usd-for-sale\/capture-decran-le-2025-08-28-a-12-04-08\/'><img loading=\"lazy\" decoding=\"async\" width=\"300\" height=\"199\" src=\"https:\/\/i0.wp.com\/itayachtscanada.com\/wp-content\/uploads\/2025\/08\/Capture-decran-le-2025-08-28-a-12.04.08.jpg?fit=300%2C199&amp;ssl=1\" class=\"attachment-medium size-medium\" alt=\"\" srcset=\"https:\/\/i0.wp.com\/itayachtscanada.com\/wp-content\/uploads\/2025\/08\/Capture-decran-le-2025-08-28-a-12.04.08.jpg?w=1306&amp;ssl=1 1306w, https:\/\/i0.wp.com\/itayachtscanada.com\/wp-content\/uploads\/2025\/08\/Capture-decran-le-2025-08-28-a-12.04.08.jpg?resize=300%2C199&amp;ssl=1 300w, https:\/\/i0.wp.com\/itayachtscanada.com\/wp-content\/uploads\/2025\/08\/Capture-decran-le-2025-08-28-a-12.04.08.jpg?resize=1024%2C679&amp;ssl=1 1024w, https:\/\/i0.wp.com\/itayachtscanada.com\/wp-content\/uploads\/2025\/08\/Capture-decran-le-2025-08-28-a-12.04.08.jpg?resize=768%2C509&amp;ssl=1 768w, https:\/\/i0.wp.com\/itayachtscanada.com\/wp-content\/uploads\/2025\/08\/Capture-decran-le-2025-08-28-a-12.04.08.jpg?resize=700%2C464&amp;ssl=1 700w, https:\/\/i0.wp.com\/itayachtscanada.com\/wp-content\/uploads\/2025\/08\/Capture-decran-le-2025-08-28-a-12.04.08.jpg?resize=900%2C600&amp;ssl=1 900w, https:\/\/i0.wp.com\/itayachtscanada.com\/wp-content\/uploads\/2025\/08\/Capture-decran-le-2025-08-28-a-12.04.08.jpg?resize=603%2C400&amp;ssl=1 603w\" sizes=\"auto, (max-width: 300px) 100vw, 300px\" data-attachment-id=\"288848\" data-permalink=\"https:\/\/itayachtscanada.com\/fr\/listing\/absolute-navetta-58-2022-1985000-usd-for-sale\/capture-decran-le-2025-08-28-a-12-04-08\/\" data-orig-file=\"https:\/\/i0.wp.com\/itayachtscanada.com\/wp-content\/uploads\/2025\/08\/Capture-decran-le-2025-08-28-a-12.04.08.jpg?fit=1306%2C866&amp;ssl=1\" data-orig-size=\"1306,866\" data-comments-opened=\"1\" data-image-meta=\"{&quot;aperture&quot;:&quot;0&quot;,&quot;credit&quot;:&quot;&quot;,&quot;camera&quot;:&quot;&quot;,&quot;caption&quot;:&quot;&quot;,&quot;created_timestamp&quot;:&quot;0&quot;,&quot;copyright&quot;:&quot;&quot;,&quot;focal_length&quot;:&quot;0&quot;,&quot;iso&quot;:&quot;0&quot;,&quot;shutter_speed&quot;:&quot;0&quot;,&quot;title&quot;:&quot;&quot;,&quot;orientation&quot;:&quot;0&quot;}\" data-image-title=\"Capture d\u2019e\u0301cran, le 2025-08-28 a\u0300 12.04.08\" data-image-description=\"\" data-image-caption=\"\" data-large-file=\"https:\/\/i0.wp.com\/itayachtscanada.com\/wp-content\/uploads\/2025\/08\/Capture-decran-le-2025-08-28-a-12.04.08.jpg?fit=700%2C464&amp;ssl=1\" \/><\/a>\n\t\t\t<\/div><\/figure><figure class='gallery-item'>\n\t\t\t<div class='gallery-icon landscape'>\n\t\t\t\t<a href='https:\/\/itayachtscanada.com\/fr\/listing\/absolute-navetta-58-2022-1985000-usd-for-sale\/capture-decran-le-2025-08-28-a-12-04-05\/'><img loading=\"lazy\" decoding=\"async\" width=\"300\" height=\"199\" src=\"https:\/\/i0.wp.com\/itayachtscanada.com\/wp-content\/uploads\/2025\/08\/Capture-decran-le-2025-08-28-a-12.04.05.jpg?fit=300%2C199&amp;ssl=1\" class=\"attachment-medium size-medium\" alt=\"\" srcset=\"https:\/\/i0.wp.com\/itayachtscanada.com\/wp-content\/uploads\/2025\/08\/Capture-decran-le-2025-08-28-a-12.04.05.jpg?w=1306&amp;ssl=1 1306w, https:\/\/i0.wp.com\/itayachtscanada.com\/wp-content\/uploads\/2025\/08\/Capture-decran-le-2025-08-28-a-12.04.05.jpg?resize=300%2C199&amp;ssl=1 300w, https:\/\/i0.wp.com\/itayachtscanada.com\/wp-content\/uploads\/2025\/08\/Capture-decran-le-2025-08-28-a-12.04.05.jpg?resize=1024%2C679&amp;ssl=1 1024w, https:\/\/i0.wp.com\/itayachtscanada.com\/wp-content\/uploads\/2025\/08\/Capture-decran-le-2025-08-28-a-12.04.05.jpg?resize=768%2C509&amp;ssl=1 768w, https:\/\/i0.wp.com\/itayachtscanada.com\/wp-content\/uploads\/2025\/08\/Capture-decran-le-2025-08-28-a-12.04.05.jpg?resize=700%2C464&amp;ssl=1 700w, https:\/\/i0.wp.com\/itayachtscanada.com\/wp-content\/uploads\/2025\/08\/Capture-decran-le-2025-08-28-a-12.04.05.jpg?resize=900%2C600&amp;ssl=1 900w, https:\/\/i0.wp.com\/itayachtscanada.com\/wp-content\/uploads\/2025\/08\/Capture-decran-le-2025-08-28-a-12.04.05.jpg?resize=603%2C400&amp;ssl=1 603w\" sizes=\"auto, (max-width: 300px) 100vw, 300px\" data-attachment-id=\"288849\" data-permalink=\"https:\/\/itayachtscanada.com\/fr\/listing\/absolute-navetta-58-2022-1985000-usd-for-sale\/capture-decran-le-2025-08-28-a-12-04-05\/\" data-orig-file=\"https:\/\/i0.wp.com\/itayachtscanada.com\/wp-content\/uploads\/2025\/08\/Capture-decran-le-2025-08-28-a-12.04.05.jpg?fit=1306%2C866&amp;ssl=1\" data-orig-size=\"1306,866\" data-comments-opened=\"1\" data-image-meta=\"{&quot;aperture&quot;:&quot;0&quot;,&quot;credit&quot;:&quot;&quot;,&quot;camera&quot;:&quot;&quot;,&quot;caption&quot;:&quot;&quot;,&quot;created_timestamp&quot;:&quot;0&quot;,&quot;copyright&quot;:&quot;&quot;,&quot;focal_length&quot;:&quot;0&quot;,&quot;iso&quot;:&quot;0&quot;,&quot;shutter_speed&quot;:&quot;0&quot;,&quot;title&quot;:&quot;&quot;,&quot;orientation&quot;:&quot;0&quot;}\" data-image-title=\"Capture d\u2019e\u0301cran, le 2025-08-28 a\u0300 12.04.05\" data-image-description=\"\" data-image-caption=\"\" data-large-file=\"https:\/\/i0.wp.com\/itayachtscanada.com\/wp-content\/uploads\/2025\/08\/Capture-decran-le-2025-08-28-a-12.04.05.jpg?fit=700%2C464&amp;ssl=1\" \/><\/a>\n\t\t\t<\/div><\/figure><figure class='gallery-item'>\n\t\t\t<div class='gallery-icon landscape'>\n\t\t\t\t<a href='https:\/\/itayachtscanada.com\/fr\/listing\/absolute-navetta-58-2022-1985000-usd-for-sale\/capture-decran-le-2025-08-28-a-12-04-01\/'><img loading=\"lazy\" decoding=\"async\" width=\"300\" height=\"199\" src=\"https:\/\/i0.wp.com\/itayachtscanada.com\/wp-content\/uploads\/2025\/08\/Capture-decran-le-2025-08-28-a-12.04.01.jpg?fit=300%2C199&amp;ssl=1\" class=\"attachment-medium size-medium\" alt=\"\" srcset=\"https:\/\/i0.wp.com\/itayachtscanada.com\/wp-content\/uploads\/2025\/08\/Capture-decran-le-2025-08-28-a-12.04.01.jpg?w=1306&amp;ssl=1 1306w, https:\/\/i0.wp.com\/itayachtscanada.com\/wp-content\/uploads\/2025\/08\/Capture-decran-le-2025-08-28-a-12.04.01.jpg?resize=300%2C199&amp;ssl=1 300w, https:\/\/i0.wp.com\/itayachtscanada.com\/wp-content\/uploads\/2025\/08\/Capture-decran-le-2025-08-28-a-12.04.01.jpg?resize=1024%2C679&amp;ssl=1 1024w, https:\/\/i0.wp.com\/itayachtscanada.com\/wp-content\/uploads\/2025\/08\/Capture-decran-le-2025-08-28-a-12.04.01.jpg?resize=768%2C509&amp;ssl=1 768w, https:\/\/i0.wp.com\/itayachtscanada.com\/wp-content\/uploads\/2025\/08\/Capture-decran-le-2025-08-28-a-12.04.01.jpg?resize=700%2C464&amp;ssl=1 700w, https:\/\/i0.wp.com\/itayachtscanada.com\/wp-content\/uploads\/2025\/08\/Capture-decran-le-2025-08-28-a-12.04.01.jpg?resize=900%2C600&amp;ssl=1 900w, https:\/\/i0.wp.com\/itayachtscanada.com\/wp-content\/uploads\/2025\/08\/Capture-decran-le-2025-08-28-a-12.04.01.jpg?resize=603%2C400&amp;ssl=1 603w\" sizes=\"auto, (max-width: 300px) 100vw, 300px\" data-attachment-id=\"288850\" data-permalink=\"https:\/\/itayachtscanada.com\/fr\/listing\/absolute-navetta-58-2022-1985000-usd-for-sale\/capture-decran-le-2025-08-28-a-12-04-01\/\" data-orig-file=\"https:\/\/i0.wp.com\/itayachtscanada.com\/wp-content\/uploads\/2025\/08\/Capture-decran-le-2025-08-28-a-12.04.01.jpg?fit=1306%2C866&amp;ssl=1\" data-orig-size=\"1306,866\" data-comments-opened=\"1\" data-image-meta=\"{&quot;aperture&quot;:&quot;0&quot;,&quot;credit&quot;:&quot;&quot;,&quot;camera&quot;:&quot;&quot;,&quot;caption&quot;:&quot;&quot;,&quot;created_timestamp&quot;:&quot;0&quot;,&quot;copyright&quot;:&quot;&quot;,&quot;focal_length&quot;:&quot;0&quot;,&quot;iso&quot;:&quot;0&quot;,&quot;shutter_speed&quot;:&quot;0&quot;,&quot;title&quot;:&quot;&quot;,&quot;orientation&quot;:&quot;0&quot;}\" data-image-title=\"Capture d\u2019e\u0301cran, le 2025-08-28 a\u0300 12.04.01\" data-image-description=\"\" data-image-caption=\"\" data-large-file=\"https:\/\/i0.wp.com\/itayachtscanada.com\/wp-content\/uploads\/2025\/08\/Capture-decran-le-2025-08-28-a-12.04.01.jpg?fit=700%2C464&amp;ssl=1\" \/><\/a>\n\t\t\t<\/div><\/figure><figure class='gallery-item'>\n\t\t\t<div class='gallery-icon landscape'>\n\t\t\t\t<a href='https:\/\/itayachtscanada.com\/fr\/listing\/absolute-navetta-58-2022-1985000-usd-for-sale\/capture-decran-le-2025-08-28-a-12-03-58\/'><img loading=\"lazy\" decoding=\"async\" width=\"300\" height=\"199\" src=\"https:\/\/i0.wp.com\/itayachtscanada.com\/wp-content\/uploads\/2025\/08\/Capture-decran-le-2025-08-28-a-12.03.58.jpg?fit=300%2C199&amp;ssl=1\" class=\"attachment-medium size-medium\" alt=\"\" srcset=\"https:\/\/i0.wp.com\/itayachtscanada.com\/wp-content\/uploads\/2025\/08\/Capture-decran-le-2025-08-28-a-12.03.58.jpg?w=1306&amp;ssl=1 1306w, https:\/\/i0.wp.com\/itayachtscanada.com\/wp-content\/uploads\/2025\/08\/Capture-decran-le-2025-08-28-a-12.03.58.jpg?resize=300%2C199&amp;ssl=1 300w, https:\/\/i0.wp.com\/itayachtscanada.com\/wp-content\/uploads\/2025\/08\/Capture-decran-le-2025-08-28-a-12.03.58.jpg?resize=1024%2C679&amp;ssl=1 1024w, https:\/\/i0.wp.com\/itayachtscanada.com\/wp-content\/uploads\/2025\/08\/Capture-decran-le-2025-08-28-a-12.03.58.jpg?resize=768%2C509&amp;ssl=1 768w, https:\/\/i0.wp.com\/itayachtscanada.com\/wp-content\/uploads\/2025\/08\/Capture-decran-le-2025-08-28-a-12.03.58.jpg?resize=700%2C464&amp;ssl=1 700w, https:\/\/i0.wp.com\/itayachtscanada.com\/wp-content\/uploads\/2025\/08\/Capture-decran-le-2025-08-28-a-12.03.58.jpg?resize=900%2C600&amp;ssl=1 900w, https:\/\/i0.wp.com\/itayachtscanada.com\/wp-content\/uploads\/2025\/08\/Capture-decran-le-2025-08-28-a-12.03.58.jpg?resize=603%2C400&amp;ssl=1 603w\" sizes=\"auto, (max-width: 300px) 100vw, 300px\" data-attachment-id=\"288851\" data-permalink=\"https:\/\/itayachtscanada.com\/fr\/listing\/absolute-navetta-58-2022-1985000-usd-for-sale\/capture-decran-le-2025-08-28-a-12-03-58\/\" data-orig-file=\"https:\/\/i0.wp.com\/itayachtscanada.com\/wp-content\/uploads\/2025\/08\/Capture-decran-le-2025-08-28-a-12.03.58.jpg?fit=1306%2C866&amp;ssl=1\" data-orig-size=\"1306,866\" data-comments-opened=\"1\" data-image-meta=\"{&quot;aperture&quot;:&quot;0&quot;,&quot;credit&quot;:&quot;&quot;,&quot;camera&quot;:&quot;&quot;,&quot;caption&quot;:&quot;&quot;,&quot;created_timestamp&quot;:&quot;0&quot;,&quot;copyright&quot;:&quot;&quot;,&quot;focal_length&quot;:&quot;0&quot;,&quot;iso&quot;:&quot;0&quot;,&quot;shutter_speed&quot;:&quot;0&quot;,&quot;title&quot;:&quot;&quot;,&quot;orientation&quot;:&quot;0&quot;}\" data-image-title=\"Capture d\u2019e\u0301cran, le 2025-08-28 a\u0300 12.03.58\" data-image-description=\"\" data-image-caption=\"\" data-large-file=\"https:\/\/i0.wp.com\/itayachtscanada.com\/wp-content\/uploads\/2025\/08\/Capture-decran-le-2025-08-28-a-12.03.58.jpg?fit=700%2C464&amp;ssl=1\" \/><\/a>\n\t\t\t<\/div><\/figure><figure class='gallery-item'>\n\t\t\t<div class='gallery-icon landscape'>\n\t\t\t\t<a href='https:\/\/itayachtscanada.com\/fr\/listing\/absolute-navetta-58-2022-1985000-usd-for-sale\/capture-decran-le-2025-08-28-a-12-03-55\/'><img loading=\"lazy\" decoding=\"async\" width=\"300\" height=\"199\" src=\"https:\/\/i0.wp.com\/itayachtscanada.com\/wp-content\/uploads\/2025\/08\/Capture-decran-le-2025-08-28-a-12.03.55.jpg?fit=300%2C199&amp;ssl=1\" class=\"attachment-medium size-medium\" alt=\"\" srcset=\"https:\/\/i0.wp.com\/itayachtscanada.com\/wp-content\/uploads\/2025\/08\/Capture-decran-le-2025-08-28-a-12.03.55.jpg?w=1306&amp;ssl=1 1306w, https:\/\/i0.wp.com\/itayachtscanada.com\/wp-content\/uploads\/2025\/08\/Capture-decran-le-2025-08-28-a-12.03.55.jpg?resize=300%2C199&amp;ssl=1 300w, https:\/\/i0.wp.com\/itayachtscanada.com\/wp-content\/uploads\/2025\/08\/Capture-decran-le-2025-08-28-a-12.03.55.jpg?resize=1024%2C679&amp;ssl=1 1024w, https:\/\/i0.wp.com\/itayachtscanada.com\/wp-content\/uploads\/2025\/08\/Capture-decran-le-2025-08-28-a-12.03.55.jpg?resize=768%2C509&amp;ssl=1 768w, https:\/\/i0.wp.com\/itayachtscanada.com\/wp-content\/uploads\/2025\/08\/Capture-decran-le-2025-08-28-a-12.03.55.jpg?resize=700%2C464&amp;ssl=1 700w, https:\/\/i0.wp.com\/itayachtscanada.com\/wp-content\/uploads\/2025\/08\/Capture-decran-le-2025-08-28-a-12.03.55.jpg?resize=900%2C600&amp;ssl=1 900w, https:\/\/i0.wp.com\/itayachtscanada.com\/wp-content\/uploads\/2025\/08\/Capture-decran-le-2025-08-28-a-12.03.55.jpg?resize=603%2C400&amp;ssl=1 603w\" sizes=\"auto, (max-width: 300px) 100vw, 300px\" data-attachment-id=\"288852\" data-permalink=\"https:\/\/itayachtscanada.com\/fr\/listing\/absolute-navetta-58-2022-1985000-usd-for-sale\/capture-decran-le-2025-08-28-a-12-03-55\/\" data-orig-file=\"https:\/\/i0.wp.com\/itayachtscanada.com\/wp-content\/uploads\/2025\/08\/Capture-decran-le-2025-08-28-a-12.03.55.jpg?fit=1306%2C866&amp;ssl=1\" data-orig-size=\"1306,866\" data-comments-opened=\"1\" data-image-meta=\"{&quot;aperture&quot;:&quot;0&quot;,&quot;credit&quot;:&quot;&quot;,&quot;camera&quot;:&quot;&quot;,&quot;caption&quot;:&quot;&quot;,&quot;created_timestamp&quot;:&quot;0&quot;,&quot;copyright&quot;:&quot;&quot;,&quot;focal_length&quot;:&quot;0&quot;,&quot;iso&quot;:&quot;0&quot;,&quot;shutter_speed&quot;:&quot;0&quot;,&quot;title&quot;:&quot;&quot;,&quot;orientation&quot;:&quot;0&quot;}\" data-image-title=\"Capture d\u2019e\u0301cran, le 2025-08-28 a\u0300 12.03.55\" data-image-description=\"\" data-image-caption=\"\" data-large-file=\"https:\/\/i0.wp.com\/itayachtscanada.com\/wp-content\/uploads\/2025\/08\/Capture-decran-le-2025-08-28-a-12.03.55.jpg?fit=700%2C464&amp;ssl=1\" \/><\/a>\n\t\t\t<\/div><\/figure><figure class='gallery-item'>\n\t\t\t<div class='gallery-icon landscape'>\n\t\t\t\t<a href='https:\/\/itayachtscanada.com\/fr\/listing\/absolute-navetta-58-2022-1985000-usd-for-sale\/capture-decran-le-2025-08-28-a-12-03-51\/'><img loading=\"lazy\" decoding=\"async\" width=\"300\" height=\"199\" src=\"https:\/\/i0.wp.com\/itayachtscanada.com\/wp-content\/uploads\/2025\/08\/Capture-decran-le-2025-08-28-a-12.03.51.jpg?fit=300%2C199&amp;ssl=1\" class=\"attachment-medium size-medium\" alt=\"\" srcset=\"https:\/\/i0.wp.com\/itayachtscanada.com\/wp-content\/uploads\/2025\/08\/Capture-decran-le-2025-08-28-a-12.03.51.jpg?w=1306&amp;ssl=1 1306w, https:\/\/i0.wp.com\/itayachtscanada.com\/wp-content\/uploads\/2025\/08\/Capture-decran-le-2025-08-28-a-12.03.51.jpg?resize=300%2C199&amp;ssl=1 300w, https:\/\/i0.wp.com\/itayachtscanada.com\/wp-content\/uploads\/2025\/08\/Capture-decran-le-2025-08-28-a-12.03.51.jpg?resize=1024%2C679&amp;ssl=1 1024w, https:\/\/i0.wp.com\/itayachtscanada.com\/wp-content\/uploads\/2025\/08\/Capture-decran-le-2025-08-28-a-12.03.51.jpg?resize=768%2C509&amp;ssl=1 768w, https:\/\/i0.wp.com\/itayachtscanada.com\/wp-content\/uploads\/2025\/08\/Capture-decran-le-2025-08-28-a-12.03.51.jpg?resize=700%2C464&amp;ssl=1 700w, https:\/\/i0.wp.com\/itayachtscanada.com\/wp-content\/uploads\/2025\/08\/Capture-decran-le-2025-08-28-a-12.03.51.jpg?resize=900%2C600&amp;ssl=1 900w, https:\/\/i0.wp.com\/itayachtscanada.com\/wp-content\/uploads\/2025\/08\/Capture-decran-le-2025-08-28-a-12.03.51.jpg?resize=603%2C400&amp;ssl=1 603w\" sizes=\"auto, (max-width: 300px) 100vw, 300px\" data-attachment-id=\"288853\" data-permalink=\"https:\/\/itayachtscanada.com\/fr\/listing\/absolute-navetta-58-2022-1985000-usd-for-sale\/capture-decran-le-2025-08-28-a-12-03-51\/\" data-orig-file=\"https:\/\/i0.wp.com\/itayachtscanada.com\/wp-content\/uploads\/2025\/08\/Capture-decran-le-2025-08-28-a-12.03.51.jpg?fit=1306%2C866&amp;ssl=1\" data-orig-size=\"1306,866\" data-comments-opened=\"1\" data-image-meta=\"{&quot;aperture&quot;:&quot;0&quot;,&quot;credit&quot;:&quot;&quot;,&quot;camera&quot;:&quot;&quot;,&quot;caption&quot;:&quot;&quot;,&quot;created_timestamp&quot;:&quot;0&quot;,&quot;copyright&quot;:&quot;&quot;,&quot;focal_length&quot;:&quot;0&quot;,&quot;iso&quot;:&quot;0&quot;,&quot;shutter_speed&quot;:&quot;0&quot;,&quot;title&quot;:&quot;&quot;,&quot;orientation&quot;:&quot;0&quot;}\" data-image-title=\"Capture d\u2019e\u0301cran, le 2025-08-28 a\u0300 12.03.51\" data-image-description=\"\" data-image-caption=\"\" data-large-file=\"https:\/\/i0.wp.com\/itayachtscanada.com\/wp-content\/uploads\/2025\/08\/Capture-decran-le-2025-08-28-a-12.03.51.jpg?fit=700%2C464&amp;ssl=1\" \/><\/a>\n\t\t\t<\/div><\/figure><figure class='gallery-item'>\n\t\t\t<div class='gallery-icon landscape'>\n\t\t\t\t<a href='https:\/\/itayachtscanada.com\/fr\/listing\/absolute-navetta-58-2022-1985000-usd-for-sale\/capture-decran-le-2025-08-28-a-12-03-47\/'><img loading=\"lazy\" decoding=\"async\" width=\"300\" height=\"199\" src=\"https:\/\/i0.wp.com\/itayachtscanada.com\/wp-content\/uploads\/2025\/08\/Capture-decran-le-2025-08-28-a-12.03.47.jpg?fit=300%2C199&amp;ssl=1\" class=\"attachment-medium size-medium\" alt=\"\" srcset=\"https:\/\/i0.wp.com\/itayachtscanada.com\/wp-content\/uploads\/2025\/08\/Capture-decran-le-2025-08-28-a-12.03.47.jpg?w=1306&amp;ssl=1 1306w, https:\/\/i0.wp.com\/itayachtscanada.com\/wp-content\/uploads\/2025\/08\/Capture-decran-le-2025-08-28-a-12.03.47.jpg?resize=300%2C199&amp;ssl=1 300w, https:\/\/i0.wp.com\/itayachtscanada.com\/wp-content\/uploads\/2025\/08\/Capture-decran-le-2025-08-28-a-12.03.47.jpg?resize=1024%2C679&amp;ssl=1 1024w, https:\/\/i0.wp.com\/itayachtscanada.com\/wp-content\/uploads\/2025\/08\/Capture-decran-le-2025-08-28-a-12.03.47.jpg?resize=768%2C509&amp;ssl=1 768w, https:\/\/i0.wp.com\/itayachtscanada.com\/wp-content\/uploads\/2025\/08\/Capture-decran-le-2025-08-28-a-12.03.47.jpg?resize=700%2C464&amp;ssl=1 700w, https:\/\/i0.wp.com\/itayachtscanada.com\/wp-content\/uploads\/2025\/08\/Capture-decran-le-2025-08-28-a-12.03.47.jpg?resize=900%2C600&amp;ssl=1 900w, https:\/\/i0.wp.com\/itayachtscanada.com\/wp-content\/uploads\/2025\/08\/Capture-decran-le-2025-08-28-a-12.03.47.jpg?resize=603%2C400&amp;ssl=1 603w\" sizes=\"auto, (max-width: 300px) 100vw, 300px\" data-attachment-id=\"288854\" data-permalink=\"https:\/\/itayachtscanada.com\/fr\/listing\/absolute-navetta-58-2022-1985000-usd-for-sale\/capture-decran-le-2025-08-28-a-12-03-47\/\" data-orig-file=\"https:\/\/i0.wp.com\/itayachtscanada.com\/wp-content\/uploads\/2025\/08\/Capture-decran-le-2025-08-28-a-12.03.47.jpg?fit=1306%2C866&amp;ssl=1\" data-orig-size=\"1306,866\" data-comments-opened=\"1\" data-image-meta=\"{&quot;aperture&quot;:&quot;0&quot;,&quot;credit&quot;:&quot;&quot;,&quot;camera&quot;:&quot;&quot;,&quot;caption&quot;:&quot;&quot;,&quot;created_timestamp&quot;:&quot;0&quot;,&quot;copyright&quot;:&quot;&quot;,&quot;focal_length&quot;:&quot;0&quot;,&quot;iso&quot;:&quot;0&quot;,&quot;shutter_speed&quot;:&quot;0&quot;,&quot;title&quot;:&quot;&quot;,&quot;orientation&quot;:&quot;0&quot;}\" data-image-title=\"Capture d\u2019e\u0301cran, le 2025-08-28 a\u0300 12.03.47\" data-image-description=\"\" data-image-caption=\"\" data-large-file=\"https:\/\/i0.wp.com\/itayachtscanada.com\/wp-content\/uploads\/2025\/08\/Capture-decran-le-2025-08-28-a-12.03.47.jpg?fit=700%2C464&amp;ssl=1\" \/><\/a>\n\t\t\t<\/div><\/figure><figure class='gallery-item'>\n\t\t\t<div class='gallery-icon landscape'>\n\t\t\t\t<a href='https:\/\/itayachtscanada.com\/fr\/listing\/absolute-navetta-58-2022-1985000-usd-for-sale\/capture-decran-le-2025-08-28-a-12-03-44\/'><img loading=\"lazy\" decoding=\"async\" width=\"300\" height=\"199\" src=\"https:\/\/i0.wp.com\/itayachtscanada.com\/wp-content\/uploads\/2025\/08\/Capture-decran-le-2025-08-28-a-12.03.44.jpg?fit=300%2C199&amp;ssl=1\" class=\"attachment-medium size-medium\" alt=\"\" srcset=\"https:\/\/i0.wp.com\/itayachtscanada.com\/wp-content\/uploads\/2025\/08\/Capture-decran-le-2025-08-28-a-12.03.44.jpg?w=1306&amp;ssl=1 1306w, https:\/\/i0.wp.com\/itayachtscanada.com\/wp-content\/uploads\/2025\/08\/Capture-decran-le-2025-08-28-a-12.03.44.jpg?resize=300%2C199&amp;ssl=1 300w, https:\/\/i0.wp.com\/itayachtscanada.com\/wp-content\/uploads\/2025\/08\/Capture-decran-le-2025-08-28-a-12.03.44.jpg?resize=1024%2C679&amp;ssl=1 1024w, https:\/\/i0.wp.com\/itayachtscanada.com\/wp-content\/uploads\/2025\/08\/Capture-decran-le-2025-08-28-a-12.03.44.jpg?resize=768%2C509&amp;ssl=1 768w, https:\/\/i0.wp.com\/itayachtscanada.com\/wp-content\/uploads\/2025\/08\/Capture-decran-le-2025-08-28-a-12.03.44.jpg?resize=700%2C464&amp;ssl=1 700w, https:\/\/i0.wp.com\/itayachtscanada.com\/wp-content\/uploads\/2025\/08\/Capture-decran-le-2025-08-28-a-12.03.44.jpg?resize=900%2C600&amp;ssl=1 900w, https:\/\/i0.wp.com\/itayachtscanada.com\/wp-content\/uploads\/2025\/08\/Capture-decran-le-2025-08-28-a-12.03.44.jpg?resize=603%2C400&amp;ssl=1 603w\" sizes=\"auto, (max-width: 300px) 100vw, 300px\" data-attachment-id=\"288855\" data-permalink=\"https:\/\/itayachtscanada.com\/fr\/listing\/absolute-navetta-58-2022-1985000-usd-for-sale\/capture-decran-le-2025-08-28-a-12-03-44\/\" data-orig-file=\"https:\/\/i0.wp.com\/itayachtscanada.com\/wp-content\/uploads\/2025\/08\/Capture-decran-le-2025-08-28-a-12.03.44.jpg?fit=1306%2C866&amp;ssl=1\" data-orig-size=\"1306,866\" data-comments-opened=\"1\" data-image-meta=\"{&quot;aperture&quot;:&quot;0&quot;,&quot;credit&quot;:&quot;&quot;,&quot;camera&quot;:&quot;&quot;,&quot;caption&quot;:&quot;&quot;,&quot;created_timestamp&quot;:&quot;0&quot;,&quot;copyright&quot;:&quot;&quot;,&quot;focal_length&quot;:&quot;0&quot;,&quot;iso&quot;:&quot;0&quot;,&quot;shutter_speed&quot;:&quot;0&quot;,&quot;title&quot;:&quot;&quot;,&quot;orientation&quot;:&quot;0&quot;}\" data-image-title=\"Capture d\u2019e\u0301cran, le 2025-08-28 a\u0300 12.03.44\" data-image-description=\"\" data-image-caption=\"\" data-large-file=\"https:\/\/i0.wp.com\/itayachtscanada.com\/wp-content\/uploads\/2025\/08\/Capture-decran-le-2025-08-28-a-12.03.44.jpg?fit=700%2C464&amp;ssl=1\" \/><\/a>\n\t\t\t<\/div><\/figure><figure class='gallery-item'>\n\t\t\t<div class='gallery-icon landscape'>\n\t\t\t\t<a href='https:\/\/itayachtscanada.com\/fr\/listing\/absolute-navetta-58-2022-1985000-usd-for-sale\/capture-decran-le-2025-08-28-a-12-03-40\/'><img loading=\"lazy\" decoding=\"async\" width=\"300\" height=\"199\" src=\"https:\/\/i0.wp.com\/itayachtscanada.com\/wp-content\/uploads\/2025\/08\/Capture-decran-le-2025-08-28-a-12.03.40.jpg?fit=300%2C199&amp;ssl=1\" class=\"attachment-medium size-medium\" alt=\"\" srcset=\"https:\/\/i0.wp.com\/itayachtscanada.com\/wp-content\/uploads\/2025\/08\/Capture-decran-le-2025-08-28-a-12.03.40.jpg?w=1306&amp;ssl=1 1306w, https:\/\/i0.wp.com\/itayachtscanada.com\/wp-content\/uploads\/2025\/08\/Capture-decran-le-2025-08-28-a-12.03.40.jpg?resize=300%2C199&amp;ssl=1 300w, https:\/\/i0.wp.com\/itayachtscanada.com\/wp-content\/uploads\/2025\/08\/Capture-decran-le-2025-08-28-a-12.03.40.jpg?resize=1024%2C679&amp;ssl=1 1024w, https:\/\/i0.wp.com\/itayachtscanada.com\/wp-content\/uploads\/2025\/08\/Capture-decran-le-2025-08-28-a-12.03.40.jpg?resize=768%2C509&amp;ssl=1 768w, https:\/\/i0.wp.com\/itayachtscanada.com\/wp-content\/uploads\/2025\/08\/Capture-decran-le-2025-08-28-a-12.03.40.jpg?resize=700%2C464&amp;ssl=1 700w, https:\/\/i0.wp.com\/itayachtscanada.com\/wp-content\/uploads\/2025\/08\/Capture-decran-le-2025-08-28-a-12.03.40.jpg?resize=900%2C600&amp;ssl=1 900w, https:\/\/i0.wp.com\/itayachtscanada.com\/wp-content\/uploads\/2025\/08\/Capture-decran-le-2025-08-28-a-12.03.40.jpg?resize=603%2C400&amp;ssl=1 603w\" sizes=\"auto, (max-width: 300px) 100vw, 300px\" data-attachment-id=\"288856\" data-permalink=\"https:\/\/itayachtscanada.com\/fr\/listing\/absolute-navetta-58-2022-1985000-usd-for-sale\/capture-decran-le-2025-08-28-a-12-03-40\/\" data-orig-file=\"https:\/\/i0.wp.com\/itayachtscanada.com\/wp-content\/uploads\/2025\/08\/Capture-decran-le-2025-08-28-a-12.03.40.jpg?fit=1306%2C866&amp;ssl=1\" data-orig-size=\"1306,866\" data-comments-opened=\"1\" data-image-meta=\"{&quot;aperture&quot;:&quot;0&quot;,&quot;credit&quot;:&quot;&quot;,&quot;camera&quot;:&quot;&quot;,&quot;caption&quot;:&quot;&quot;,&quot;created_timestamp&quot;:&quot;0&quot;,&quot;copyright&quot;:&quot;&quot;,&quot;focal_length&quot;:&quot;0&quot;,&quot;iso&quot;:&quot;0&quot;,&quot;shutter_speed&quot;:&quot;0&quot;,&quot;title&quot;:&quot;&quot;,&quot;orientation&quot;:&quot;0&quot;}\" data-image-title=\"Capture d\u2019e\u0301cran, le 2025-08-28 a\u0300 12.03.40\" data-image-description=\"\" data-image-caption=\"\" data-large-file=\"https:\/\/i0.wp.com\/itayachtscanada.com\/wp-content\/uploads\/2025\/08\/Capture-decran-le-2025-08-28-a-12.03.40.jpg?fit=700%2C464&amp;ssl=1\" \/><\/a>\n\t\t\t<\/div><\/figure><figure class='gallery-item'>\n\t\t\t<div class='gallery-icon landscape'>\n\t\t\t\t<a href='https:\/\/itayachtscanada.com\/fr\/listing\/absolute-navetta-58-2022-1985000-usd-for-sale\/capture-decran-le-2025-08-28-a-12-03-36\/'><img loading=\"lazy\" decoding=\"async\" width=\"300\" height=\"199\" src=\"https:\/\/i0.wp.com\/itayachtscanada.com\/wp-content\/uploads\/2025\/08\/Capture-decran-le-2025-08-28-a-12.03.36.jpg?fit=300%2C199&amp;ssl=1\" class=\"attachment-medium size-medium\" alt=\"\" srcset=\"https:\/\/i0.wp.com\/itayachtscanada.com\/wp-content\/uploads\/2025\/08\/Capture-decran-le-2025-08-28-a-12.03.36.jpg?w=1306&amp;ssl=1 1306w, https:\/\/i0.wp.com\/itayachtscanada.com\/wp-content\/uploads\/2025\/08\/Capture-decran-le-2025-08-28-a-12.03.36.jpg?resize=300%2C199&amp;ssl=1 300w, https:\/\/i0.wp.com\/itayachtscanada.com\/wp-content\/uploads\/2025\/08\/Capture-decran-le-2025-08-28-a-12.03.36.jpg?resize=1024%2C679&amp;ssl=1 1024w, https:\/\/i0.wp.com\/itayachtscanada.com\/wp-content\/uploads\/2025\/08\/Capture-decran-le-2025-08-28-a-12.03.36.jpg?resize=768%2C509&amp;ssl=1 768w, https:\/\/i0.wp.com\/itayachtscanada.com\/wp-content\/uploads\/2025\/08\/Capture-decran-le-2025-08-28-a-12.03.36.jpg?resize=700%2C464&amp;ssl=1 700w, https:\/\/i0.wp.com\/itayachtscanada.com\/wp-content\/uploads\/2025\/08\/Capture-decran-le-2025-08-28-a-12.03.36.jpg?resize=900%2C600&amp;ssl=1 900w, https:\/\/i0.wp.com\/itayachtscanada.com\/wp-content\/uploads\/2025\/08\/Capture-decran-le-2025-08-28-a-12.03.36.jpg?resize=603%2C400&amp;ssl=1 603w\" sizes=\"auto, (max-width: 300px) 100vw, 300px\" data-attachment-id=\"288857\" data-permalink=\"https:\/\/itayachtscanada.com\/fr\/listing\/absolute-navetta-58-2022-1985000-usd-for-sale\/capture-decran-le-2025-08-28-a-12-03-36\/\" data-orig-file=\"https:\/\/i0.wp.com\/itayachtscanada.com\/wp-content\/uploads\/2025\/08\/Capture-decran-le-2025-08-28-a-12.03.36.jpg?fit=1306%2C866&amp;ssl=1\" data-orig-size=\"1306,866\" data-comments-opened=\"1\" data-image-meta=\"{&quot;aperture&quot;:&quot;0&quot;,&quot;credit&quot;:&quot;&quot;,&quot;camera&quot;:&quot;&quot;,&quot;caption&quot;:&quot;&quot;,&quot;created_timestamp&quot;:&quot;0&quot;,&quot;copyright&quot;:&quot;&quot;,&quot;focal_length&quot;:&quot;0&quot;,&quot;iso&quot;:&quot;0&quot;,&quot;shutter_speed&quot;:&quot;0&quot;,&quot;title&quot;:&quot;&quot;,&quot;orientation&quot;:&quot;0&quot;}\" data-image-title=\"Capture d\u2019e\u0301cran, le 2025-08-28 a\u0300 12.03.36\" data-image-description=\"\" data-image-caption=\"\" data-large-file=\"https:\/\/i0.wp.com\/itayachtscanada.com\/wp-content\/uploads\/2025\/08\/Capture-decran-le-2025-08-28-a-12.03.36.jpg?fit=700%2C464&amp;ssl=1\" \/><\/a>\n\t\t\t<\/div><\/figure><figure class='gallery-item'>\n\t\t\t<div class='gallery-icon landscape'>\n\t\t\t\t<a href='https:\/\/itayachtscanada.com\/fr\/listing\/absolute-navetta-58-2022-1985000-usd-for-sale\/capture-decran-le-2025-08-28-a-12-03-33\/'><img loading=\"lazy\" decoding=\"async\" width=\"300\" height=\"199\" src=\"https:\/\/i0.wp.com\/itayachtscanada.com\/wp-content\/uploads\/2025\/08\/Capture-decran-le-2025-08-28-a-12.03.33.jpg?fit=300%2C199&amp;ssl=1\" class=\"attachment-medium size-medium\" alt=\"\" srcset=\"https:\/\/i0.wp.com\/itayachtscanada.com\/wp-content\/uploads\/2025\/08\/Capture-decran-le-2025-08-28-a-12.03.33.jpg?w=1306&amp;ssl=1 1306w, https:\/\/i0.wp.com\/itayachtscanada.com\/wp-content\/uploads\/2025\/08\/Capture-decran-le-2025-08-28-a-12.03.33.jpg?resize=300%2C199&amp;ssl=1 300w, https:\/\/i0.wp.com\/itayachtscanada.com\/wp-content\/uploads\/2025\/08\/Capture-decran-le-2025-08-28-a-12.03.33.jpg?resize=1024%2C679&amp;ssl=1 1024w, https:\/\/i0.wp.com\/itayachtscanada.com\/wp-content\/uploads\/2025\/08\/Capture-decran-le-2025-08-28-a-12.03.33.jpg?resize=768%2C509&amp;ssl=1 768w, https:\/\/i0.wp.com\/itayachtscanada.com\/wp-content\/uploads\/2025\/08\/Capture-decran-le-2025-08-28-a-12.03.33.jpg?resize=700%2C464&amp;ssl=1 700w, https:\/\/i0.wp.com\/itayachtscanada.com\/wp-content\/uploads\/2025\/08\/Capture-decran-le-2025-08-28-a-12.03.33.jpg?resize=900%2C600&amp;ssl=1 900w, https:\/\/i0.wp.com\/itayachtscanada.com\/wp-content\/uploads\/2025\/08\/Capture-decran-le-2025-08-28-a-12.03.33.jpg?resize=603%2C400&amp;ssl=1 603w\" sizes=\"auto, (max-width: 300px) 100vw, 300px\" data-attachment-id=\"288858\" data-permalink=\"https:\/\/itayachtscanada.com\/fr\/listing\/absolute-navetta-58-2022-1985000-usd-for-sale\/capture-decran-le-2025-08-28-a-12-03-33\/\" data-orig-file=\"https:\/\/i0.wp.com\/itayachtscanada.com\/wp-content\/uploads\/2025\/08\/Capture-decran-le-2025-08-28-a-12.03.33.jpg?fit=1306%2C866&amp;ssl=1\" data-orig-size=\"1306,866\" data-comments-opened=\"1\" data-image-meta=\"{&quot;aperture&quot;:&quot;0&quot;,&quot;credit&quot;:&quot;&quot;,&quot;camera&quot;:&quot;&quot;,&quot;caption&quot;:&quot;&quot;,&quot;created_timestamp&quot;:&quot;0&quot;,&quot;copyright&quot;:&quot;&quot;,&quot;focal_length&quot;:&quot;0&quot;,&quot;iso&quot;:&quot;0&quot;,&quot;shutter_speed&quot;:&quot;0&quot;,&quot;title&quot;:&quot;&quot;,&quot;orientation&quot;:&quot;0&quot;}\" data-image-title=\"Capture d\u2019e\u0301cran, le 2025-08-28 a\u0300 12.03.33\" data-image-description=\"\" data-image-caption=\"\" data-large-file=\"https:\/\/i0.wp.com\/itayachtscanada.com\/wp-content\/uploads\/2025\/08\/Capture-decran-le-2025-08-28-a-12.03.33.jpg?fit=700%2C464&amp;ssl=1\" \/><\/a>\n\t\t\t<\/div><\/figure><figure class='gallery-item'>\n\t\t\t<div class='gallery-icon landscape'>\n\t\t\t\t<a href='https:\/\/itayachtscanada.com\/fr\/listing\/absolute-navetta-58-2022-1985000-usd-for-sale\/capture-decran-le-2025-08-28-a-12-03-29\/'><img loading=\"lazy\" decoding=\"async\" width=\"300\" height=\"199\" src=\"https:\/\/i0.wp.com\/itayachtscanada.com\/wp-content\/uploads\/2025\/08\/Capture-decran-le-2025-08-28-a-12.03.29.jpg?fit=300%2C199&amp;ssl=1\" class=\"attachment-medium size-medium\" alt=\"\" srcset=\"https:\/\/i0.wp.com\/itayachtscanada.com\/wp-content\/uploads\/2025\/08\/Capture-decran-le-2025-08-28-a-12.03.29.jpg?w=1306&amp;ssl=1 1306w, https:\/\/i0.wp.com\/itayachtscanada.com\/wp-content\/uploads\/2025\/08\/Capture-decran-le-2025-08-28-a-12.03.29.jpg?resize=300%2C199&amp;ssl=1 300w, https:\/\/i0.wp.com\/itayachtscanada.com\/wp-content\/uploads\/2025\/08\/Capture-decran-le-2025-08-28-a-12.03.29.jpg?resize=1024%2C679&amp;ssl=1 1024w, https:\/\/i0.wp.com\/itayachtscanada.com\/wp-content\/uploads\/2025\/08\/Capture-decran-le-2025-08-28-a-12.03.29.jpg?resize=768%2C509&amp;ssl=1 768w, https:\/\/i0.wp.com\/itayachtscanada.com\/wp-content\/uploads\/2025\/08\/Capture-decran-le-2025-08-28-a-12.03.29.jpg?resize=700%2C464&amp;ssl=1 700w, https:\/\/i0.wp.com\/itayachtscanada.com\/wp-content\/uploads\/2025\/08\/Capture-decran-le-2025-08-28-a-12.03.29.jpg?resize=900%2C600&amp;ssl=1 900w, https:\/\/i0.wp.com\/itayachtscanada.com\/wp-content\/uploads\/2025\/08\/Capture-decran-le-2025-08-28-a-12.03.29.jpg?resize=603%2C400&amp;ssl=1 603w\" sizes=\"auto, (max-width: 300px) 100vw, 300px\" data-attachment-id=\"288859\" data-permalink=\"https:\/\/itayachtscanada.com\/fr\/listing\/absolute-navetta-58-2022-1985000-usd-for-sale\/capture-decran-le-2025-08-28-a-12-03-29\/\" data-orig-file=\"https:\/\/i0.wp.com\/itayachtscanada.com\/wp-content\/uploads\/2025\/08\/Capture-decran-le-2025-08-28-a-12.03.29.jpg?fit=1306%2C866&amp;ssl=1\" data-orig-size=\"1306,866\" data-comments-opened=\"1\" data-image-meta=\"{&quot;aperture&quot;:&quot;0&quot;,&quot;credit&quot;:&quot;&quot;,&quot;camera&quot;:&quot;&quot;,&quot;caption&quot;:&quot;&quot;,&quot;created_timestamp&quot;:&quot;0&quot;,&quot;copyright&quot;:&quot;&quot;,&quot;focal_length&quot;:&quot;0&quot;,&quot;iso&quot;:&quot;0&quot;,&quot;shutter_speed&quot;:&quot;0&quot;,&quot;title&quot;:&quot;&quot;,&quot;orientation&quot;:&quot;0&quot;}\" data-image-title=\"Capture d\u2019e\u0301cran, le 2025-08-28 a\u0300 12.03.29\" data-image-description=\"\" data-image-caption=\"\" data-large-file=\"https:\/\/i0.wp.com\/itayachtscanada.com\/wp-content\/uploads\/2025\/08\/Capture-decran-le-2025-08-28-a-12.03.29.jpg?fit=700%2C464&amp;ssl=1\" \/><\/a>\n\t\t\t<\/div><\/figure><figure class='gallery-item'>\n\t\t\t<div class='gallery-icon landscape'>\n\t\t\t\t<a href='https:\/\/itayachtscanada.com\/fr\/listing\/absolute-navetta-58-2022-1985000-usd-for-sale\/capture-decran-le-2025-08-28-a-12-03-25\/'><img loading=\"lazy\" decoding=\"async\" width=\"300\" height=\"199\" src=\"https:\/\/i0.wp.com\/itayachtscanada.com\/wp-content\/uploads\/2025\/08\/Capture-decran-le-2025-08-28-a-12.03.25.jpg?fit=300%2C199&amp;ssl=1\" class=\"attachment-medium size-medium\" alt=\"\" srcset=\"https:\/\/i0.wp.com\/itayachtscanada.com\/wp-content\/uploads\/2025\/08\/Capture-decran-le-2025-08-28-a-12.03.25.jpg?w=1306&amp;ssl=1 1306w, https:\/\/i0.wp.com\/itayachtscanada.com\/wp-content\/uploads\/2025\/08\/Capture-decran-le-2025-08-28-a-12.03.25.jpg?resize=300%2C199&amp;ssl=1 300w, https:\/\/i0.wp.com\/itayachtscanada.com\/wp-content\/uploads\/2025\/08\/Capture-decran-le-2025-08-28-a-12.03.25.jpg?resize=1024%2C679&amp;ssl=1 1024w, https:\/\/i0.wp.com\/itayachtscanada.com\/wp-content\/uploads\/2025\/08\/Capture-decran-le-2025-08-28-a-12.03.25.jpg?resize=768%2C509&amp;ssl=1 768w, https:\/\/i0.wp.com\/itayachtscanada.com\/wp-content\/uploads\/2025\/08\/Capture-decran-le-2025-08-28-a-12.03.25.jpg?resize=700%2C464&amp;ssl=1 700w, https:\/\/i0.wp.com\/itayachtscanada.com\/wp-content\/uploads\/2025\/08\/Capture-decran-le-2025-08-28-a-12.03.25.jpg?resize=900%2C600&amp;ssl=1 900w, https:\/\/i0.wp.com\/itayachtscanada.com\/wp-content\/uploads\/2025\/08\/Capture-decran-le-2025-08-28-a-12.03.25.jpg?resize=603%2C400&amp;ssl=1 603w\" sizes=\"auto, (max-width: 300px) 100vw, 300px\" data-attachment-id=\"288860\" data-permalink=\"https:\/\/itayachtscanada.com\/fr\/listing\/absolute-navetta-58-2022-1985000-usd-for-sale\/capture-decran-le-2025-08-28-a-12-03-25\/\" data-orig-file=\"https:\/\/i0.wp.com\/itayachtscanada.com\/wp-content\/uploads\/2025\/08\/Capture-decran-le-2025-08-28-a-12.03.25.jpg?fit=1306%2C866&amp;ssl=1\" data-orig-size=\"1306,866\" data-comments-opened=\"1\" data-image-meta=\"{&quot;aperture&quot;:&quot;0&quot;,&quot;credit&quot;:&quot;&quot;,&quot;camera&quot;:&quot;&quot;,&quot;caption&quot;:&quot;&quot;,&quot;created_timestamp&quot;:&quot;0&quot;,&quot;copyright&quot;:&quot;&quot;,&quot;focal_length&quot;:&quot;0&quot;,&quot;iso&quot;:&quot;0&quot;,&quot;shutter_speed&quot;:&quot;0&quot;,&quot;title&quot;:&quot;&quot;,&quot;orientation&quot;:&quot;0&quot;}\" data-image-title=\"Capture d\u2019e\u0301cran, le 2025-08-28 a\u0300 12.03.25\" data-image-description=\"\" data-image-caption=\"\" data-large-file=\"https:\/\/i0.wp.com\/itayachtscanada.com\/wp-content\/uploads\/2025\/08\/Capture-decran-le-2025-08-28-a-12.03.25.jpg?fit=700%2C464&amp;ssl=1\" \/><\/a>\n\t\t\t<\/div><\/figure><figure class='gallery-item'>\n\t\t\t<div class='gallery-icon landscape'>\n\t\t\t\t<a href='https:\/\/itayachtscanada.com\/fr\/listing\/absolute-navetta-58-2022-1985000-usd-for-sale\/capture-decran-le-2025-08-28-a-12-03-22\/'><img loading=\"lazy\" decoding=\"async\" width=\"300\" height=\"199\" src=\"https:\/\/i0.wp.com\/itayachtscanada.com\/wp-content\/uploads\/2025\/08\/Capture-decran-le-2025-08-28-a-12.03.22.jpg?fit=300%2C199&amp;ssl=1\" class=\"attachment-medium size-medium\" alt=\"\" srcset=\"https:\/\/i0.wp.com\/itayachtscanada.com\/wp-content\/uploads\/2025\/08\/Capture-decran-le-2025-08-28-a-12.03.22.jpg?w=1306&amp;ssl=1 1306w, https:\/\/i0.wp.com\/itayachtscanada.com\/wp-content\/uploads\/2025\/08\/Capture-decran-le-2025-08-28-a-12.03.22.jpg?resize=300%2C199&amp;ssl=1 300w, https:\/\/i0.wp.com\/itayachtscanada.com\/wp-content\/uploads\/2025\/08\/Capture-decran-le-2025-08-28-a-12.03.22.jpg?resize=1024%2C679&amp;ssl=1 1024w, https:\/\/i0.wp.com\/itayachtscanada.com\/wp-content\/uploads\/2025\/08\/Capture-decran-le-2025-08-28-a-12.03.22.jpg?resize=768%2C509&amp;ssl=1 768w, https:\/\/i0.wp.com\/itayachtscanada.com\/wp-content\/uploads\/2025\/08\/Capture-decran-le-2025-08-28-a-12.03.22.jpg?resize=700%2C464&amp;ssl=1 700w, https:\/\/i0.wp.com\/itayachtscanada.com\/wp-content\/uploads\/2025\/08\/Capture-decran-le-2025-08-28-a-12.03.22.jpg?resize=900%2C600&amp;ssl=1 900w, https:\/\/i0.wp.com\/itayachtscanada.com\/wp-content\/uploads\/2025\/08\/Capture-decran-le-2025-08-28-a-12.03.22.jpg?resize=603%2C400&amp;ssl=1 603w\" sizes=\"auto, (max-width: 300px) 100vw, 300px\" data-attachment-id=\"288861\" data-permalink=\"https:\/\/itayachtscanada.com\/fr\/listing\/absolute-navetta-58-2022-1985000-usd-for-sale\/capture-decran-le-2025-08-28-a-12-03-22\/\" data-orig-file=\"https:\/\/i0.wp.com\/itayachtscanada.com\/wp-content\/uploads\/2025\/08\/Capture-decran-le-2025-08-28-a-12.03.22.jpg?fit=1306%2C866&amp;ssl=1\" data-orig-size=\"1306,866\" data-comments-opened=\"1\" data-image-meta=\"{&quot;aperture&quot;:&quot;0&quot;,&quot;credit&quot;:&quot;&quot;,&quot;camera&quot;:&quot;&quot;,&quot;caption&quot;:&quot;&quot;,&quot;created_timestamp&quot;:&quot;0&quot;,&quot;copyright&quot;:&quot;&quot;,&quot;focal_length&quot;:&quot;0&quot;,&quot;iso&quot;:&quot;0&quot;,&quot;shutter_speed&quot;:&quot;0&quot;,&quot;title&quot;:&quot;&quot;,&quot;orientation&quot;:&quot;0&quot;}\" data-image-title=\"Capture d\u2019e\u0301cran, le 2025-08-28 a\u0300 12.03.22\" data-image-description=\"\" data-image-caption=\"\" data-large-file=\"https:\/\/i0.wp.com\/itayachtscanada.com\/wp-content\/uploads\/2025\/08\/Capture-decran-le-2025-08-28-a-12.03.22.jpg?fit=700%2C464&amp;ssl=1\" \/><\/a>\n\t\t\t<\/div><\/figure><figure class='gallery-item'>\n\t\t\t<div class='gallery-icon landscape'>\n\t\t\t\t<a href='https:\/\/itayachtscanada.com\/fr\/listing\/absolute-navetta-58-2022-1985000-usd-for-sale\/capture-decran-le-2025-08-28-a-12-03-19\/'><img loading=\"lazy\" decoding=\"async\" width=\"300\" height=\"199\" src=\"https:\/\/i0.wp.com\/itayachtscanada.com\/wp-content\/uploads\/2025\/08\/Capture-decran-le-2025-08-28-a-12.03.19.jpg?fit=300%2C199&amp;ssl=1\" class=\"attachment-medium size-medium\" alt=\"\" srcset=\"https:\/\/i0.wp.com\/itayachtscanada.com\/wp-content\/uploads\/2025\/08\/Capture-decran-le-2025-08-28-a-12.03.19.jpg?w=1306&amp;ssl=1 1306w, https:\/\/i0.wp.com\/itayachtscanada.com\/wp-content\/uploads\/2025\/08\/Capture-decran-le-2025-08-28-a-12.03.19.jpg?resize=300%2C199&amp;ssl=1 300w, https:\/\/i0.wp.com\/itayachtscanada.com\/wp-content\/uploads\/2025\/08\/Capture-decran-le-2025-08-28-a-12.03.19.jpg?resize=1024%2C679&amp;ssl=1 1024w, https:\/\/i0.wp.com\/itayachtscanada.com\/wp-content\/uploads\/2025\/08\/Capture-decran-le-2025-08-28-a-12.03.19.jpg?resize=768%2C509&amp;ssl=1 768w, https:\/\/i0.wp.com\/itayachtscanada.com\/wp-content\/uploads\/2025\/08\/Capture-decran-le-2025-08-28-a-12.03.19.jpg?resize=700%2C464&amp;ssl=1 700w, https:\/\/i0.wp.com\/itayachtscanada.com\/wp-content\/uploads\/2025\/08\/Capture-decran-le-2025-08-28-a-12.03.19.jpg?resize=900%2C600&amp;ssl=1 900w, https:\/\/i0.wp.com\/itayachtscanada.com\/wp-content\/uploads\/2025\/08\/Capture-decran-le-2025-08-28-a-12.03.19.jpg?resize=603%2C400&amp;ssl=1 603w\" sizes=\"auto, (max-width: 300px) 100vw, 300px\" data-attachment-id=\"288862\" data-permalink=\"https:\/\/itayachtscanada.com\/fr\/listing\/absolute-navetta-58-2022-1985000-usd-for-sale\/capture-decran-le-2025-08-28-a-12-03-19\/\" data-orig-file=\"https:\/\/i0.wp.com\/itayachtscanada.com\/wp-content\/uploads\/2025\/08\/Capture-decran-le-2025-08-28-a-12.03.19.jpg?fit=1306%2C866&amp;ssl=1\" data-orig-size=\"1306,866\" data-comments-opened=\"1\" data-image-meta=\"{&quot;aperture&quot;:&quot;0&quot;,&quot;credit&quot;:&quot;&quot;,&quot;camera&quot;:&quot;&quot;,&quot;caption&quot;:&quot;&quot;,&quot;created_timestamp&quot;:&quot;0&quot;,&quot;copyright&quot;:&quot;&quot;,&quot;focal_length&quot;:&quot;0&quot;,&quot;iso&quot;:&quot;0&quot;,&quot;shutter_speed&quot;:&quot;0&quot;,&quot;title&quot;:&quot;&quot;,&quot;orientation&quot;:&quot;0&quot;}\" data-image-title=\"Capture d\u2019e\u0301cran, le 2025-08-28 a\u0300 12.03.19\" data-image-description=\"\" data-image-caption=\"\" data-large-file=\"https:\/\/i0.wp.com\/itayachtscanada.com\/wp-content\/uploads\/2025\/08\/Capture-decran-le-2025-08-28-a-12.03.19.jpg?fit=700%2C464&amp;ssl=1\" \/><\/a>\n\t\t\t<\/div><\/figure><figure class='gallery-item'>\n\t\t\t<div class='gallery-icon landscape'>\n\t\t\t\t<a href='https:\/\/itayachtscanada.com\/fr\/listing\/absolute-navetta-58-2022-1985000-usd-for-sale\/capture-decran-le-2025-08-28-a-12-03-15\/'><img loading=\"lazy\" decoding=\"async\" width=\"300\" height=\"199\" src=\"https:\/\/i0.wp.com\/itayachtscanada.com\/wp-content\/uploads\/2025\/08\/Capture-decran-le-2025-08-28-a-12.03.15.jpg?fit=300%2C199&amp;ssl=1\" class=\"attachment-medium size-medium\" alt=\"\" srcset=\"https:\/\/i0.wp.com\/itayachtscanada.com\/wp-content\/uploads\/2025\/08\/Capture-decran-le-2025-08-28-a-12.03.15.jpg?w=1306&amp;ssl=1 1306w, https:\/\/i0.wp.com\/itayachtscanada.com\/wp-content\/uploads\/2025\/08\/Capture-decran-le-2025-08-28-a-12.03.15.jpg?resize=300%2C199&amp;ssl=1 300w, https:\/\/i0.wp.com\/itayachtscanada.com\/wp-content\/uploads\/2025\/08\/Capture-decran-le-2025-08-28-a-12.03.15.jpg?resize=1024%2C679&amp;ssl=1 1024w, https:\/\/i0.wp.com\/itayachtscanada.com\/wp-content\/uploads\/2025\/08\/Capture-decran-le-2025-08-28-a-12.03.15.jpg?resize=768%2C509&amp;ssl=1 768w, https:\/\/i0.wp.com\/itayachtscanada.com\/wp-content\/uploads\/2025\/08\/Capture-decran-le-2025-08-28-a-12.03.15.jpg?resize=700%2C464&amp;ssl=1 700w, https:\/\/i0.wp.com\/itayachtscanada.com\/wp-content\/uploads\/2025\/08\/Capture-decran-le-2025-08-28-a-12.03.15.jpg?resize=900%2C600&amp;ssl=1 900w, https:\/\/i0.wp.com\/itayachtscanada.com\/wp-content\/uploads\/2025\/08\/Capture-decran-le-2025-08-28-a-12.03.15.jpg?resize=603%2C400&amp;ssl=1 603w\" sizes=\"auto, (max-width: 300px) 100vw, 300px\" data-attachment-id=\"288863\" data-permalink=\"https:\/\/itayachtscanada.com\/fr\/listing\/absolute-navetta-58-2022-1985000-usd-for-sale\/capture-decran-le-2025-08-28-a-12-03-15\/\" data-orig-file=\"https:\/\/i0.wp.com\/itayachtscanada.com\/wp-content\/uploads\/2025\/08\/Capture-decran-le-2025-08-28-a-12.03.15.jpg?fit=1306%2C866&amp;ssl=1\" data-orig-size=\"1306,866\" data-comments-opened=\"1\" data-image-meta=\"{&quot;aperture&quot;:&quot;0&quot;,&quot;credit&quot;:&quot;&quot;,&quot;camera&quot;:&quot;&quot;,&quot;caption&quot;:&quot;&quot;,&quot;created_timestamp&quot;:&quot;0&quot;,&quot;copyright&quot;:&quot;&quot;,&quot;focal_length&quot;:&quot;0&quot;,&quot;iso&quot;:&quot;0&quot;,&quot;shutter_speed&quot;:&quot;0&quot;,&quot;title&quot;:&quot;&quot;,&quot;orientation&quot;:&quot;0&quot;}\" data-image-title=\"Capture d\u2019e\u0301cran, le 2025-08-28 a\u0300 12.03.15\" data-image-description=\"\" data-image-caption=\"\" data-large-file=\"https:\/\/i0.wp.com\/itayachtscanada.com\/wp-content\/uploads\/2025\/08\/Capture-decran-le-2025-08-28-a-12.03.15.jpg?fit=700%2C464&amp;ssl=1\" \/><\/a>\n\t\t\t<\/div><\/figure><figure class='gallery-item'>\n\t\t\t<div class='gallery-icon landscape'>\n\t\t\t\t<a href='https:\/\/itayachtscanada.com\/fr\/listing\/absolute-navetta-58-2022-1985000-usd-for-sale\/capture-decran-le-2025-08-28-a-12-03-11\/'><img loading=\"lazy\" decoding=\"async\" width=\"300\" height=\"199\" src=\"https:\/\/i0.wp.com\/itayachtscanada.com\/wp-content\/uploads\/2025\/08\/Capture-decran-le-2025-08-28-a-12.03.11.jpg?fit=300%2C199&amp;ssl=1\" class=\"attachment-medium size-medium\" alt=\"\" srcset=\"https:\/\/i0.wp.com\/itayachtscanada.com\/wp-content\/uploads\/2025\/08\/Capture-decran-le-2025-08-28-a-12.03.11.jpg?w=1306&amp;ssl=1 1306w, https:\/\/i0.wp.com\/itayachtscanada.com\/wp-content\/uploads\/2025\/08\/Capture-decran-le-2025-08-28-a-12.03.11.jpg?resize=300%2C199&amp;ssl=1 300w, https:\/\/i0.wp.com\/itayachtscanada.com\/wp-content\/uploads\/2025\/08\/Capture-decran-le-2025-08-28-a-12.03.11.jpg?resize=1024%2C679&amp;ssl=1 1024w, https:\/\/i0.wp.com\/itayachtscanada.com\/wp-content\/uploads\/2025\/08\/Capture-decran-le-2025-08-28-a-12.03.11.jpg?resize=768%2C509&amp;ssl=1 768w, https:\/\/i0.wp.com\/itayachtscanada.com\/wp-content\/uploads\/2025\/08\/Capture-decran-le-2025-08-28-a-12.03.11.jpg?resize=700%2C464&amp;ssl=1 700w, https:\/\/i0.wp.com\/itayachtscanada.com\/wp-content\/uploads\/2025\/08\/Capture-decran-le-2025-08-28-a-12.03.11.jpg?resize=900%2C600&amp;ssl=1 900w, https:\/\/i0.wp.com\/itayachtscanada.com\/wp-content\/uploads\/2025\/08\/Capture-decran-le-2025-08-28-a-12.03.11.jpg?resize=603%2C400&amp;ssl=1 603w\" sizes=\"auto, (max-width: 300px) 100vw, 300px\" data-attachment-id=\"288864\" data-permalink=\"https:\/\/itayachtscanada.com\/fr\/listing\/absolute-navetta-58-2022-1985000-usd-for-sale\/capture-decran-le-2025-08-28-a-12-03-11\/\" data-orig-file=\"https:\/\/i0.wp.com\/itayachtscanada.com\/wp-content\/uploads\/2025\/08\/Capture-decran-le-2025-08-28-a-12.03.11.jpg?fit=1306%2C866&amp;ssl=1\" data-orig-size=\"1306,866\" data-comments-opened=\"1\" data-image-meta=\"{&quot;aperture&quot;:&quot;0&quot;,&quot;credit&quot;:&quot;&quot;,&quot;camera&quot;:&quot;&quot;,&quot;caption&quot;:&quot;&quot;,&quot;created_timestamp&quot;:&quot;0&quot;,&quot;copyright&quot;:&quot;&quot;,&quot;focal_length&quot;:&quot;0&quot;,&quot;iso&quot;:&quot;0&quot;,&quot;shutter_speed&quot;:&quot;0&quot;,&quot;title&quot;:&quot;&quot;,&quot;orientation&quot;:&quot;0&quot;}\" data-image-title=\"Capture d\u2019e\u0301cran, le 2025-08-28 a\u0300 12.03.11\" data-image-description=\"\" data-image-caption=\"\" data-large-file=\"https:\/\/i0.wp.com\/itayachtscanada.com\/wp-content\/uploads\/2025\/08\/Capture-decran-le-2025-08-28-a-12.03.11.jpg?fit=700%2C464&amp;ssl=1\" \/><\/a>\n\t\t\t<\/div><\/figure><figure class='gallery-item'>\n\t\t\t<div class='gallery-icon landscape'>\n\t\t\t\t<a href='https:\/\/itayachtscanada.com\/fr\/listing\/absolute-navetta-58-2022-1985000-usd-for-sale\/capture-decran-le-2025-08-28-a-12-03-07\/'><img loading=\"lazy\" decoding=\"async\" width=\"300\" height=\"199\" src=\"https:\/\/i0.wp.com\/itayachtscanada.com\/wp-content\/uploads\/2025\/08\/Capture-decran-le-2025-08-28-a-12.03.07.jpg?fit=300%2C199&amp;ssl=1\" class=\"attachment-medium size-medium\" alt=\"\" srcset=\"https:\/\/i0.wp.com\/itayachtscanada.com\/wp-content\/uploads\/2025\/08\/Capture-decran-le-2025-08-28-a-12.03.07.jpg?w=1306&amp;ssl=1 1306w, https:\/\/i0.wp.com\/itayachtscanada.com\/wp-content\/uploads\/2025\/08\/Capture-decran-le-2025-08-28-a-12.03.07.jpg?resize=300%2C199&amp;ssl=1 300w, https:\/\/i0.wp.com\/itayachtscanada.com\/wp-content\/uploads\/2025\/08\/Capture-decran-le-2025-08-28-a-12.03.07.jpg?resize=1024%2C679&amp;ssl=1 1024w, https:\/\/i0.wp.com\/itayachtscanada.com\/wp-content\/uploads\/2025\/08\/Capture-decran-le-2025-08-28-a-12.03.07.jpg?resize=768%2C509&amp;ssl=1 768w, https:\/\/i0.wp.com\/itayachtscanada.com\/wp-content\/uploads\/2025\/08\/Capture-decran-le-2025-08-28-a-12.03.07.jpg?resize=700%2C464&amp;ssl=1 700w, https:\/\/i0.wp.com\/itayachtscanada.com\/wp-content\/uploads\/2025\/08\/Capture-decran-le-2025-08-28-a-12.03.07.jpg?resize=900%2C600&amp;ssl=1 900w, https:\/\/i0.wp.com\/itayachtscanada.com\/wp-content\/uploads\/2025\/08\/Capture-decran-le-2025-08-28-a-12.03.07.jpg?resize=603%2C400&amp;ssl=1 603w\" sizes=\"auto, (max-width: 300px) 100vw, 300px\" data-attachment-id=\"288865\" data-permalink=\"https:\/\/itayachtscanada.com\/fr\/listing\/absolute-navetta-58-2022-1985000-usd-for-sale\/capture-decran-le-2025-08-28-a-12-03-07\/\" data-orig-file=\"https:\/\/i0.wp.com\/itayachtscanada.com\/wp-content\/uploads\/2025\/08\/Capture-decran-le-2025-08-28-a-12.03.07.jpg?fit=1306%2C866&amp;ssl=1\" data-orig-size=\"1306,866\" data-comments-opened=\"1\" data-image-meta=\"{&quot;aperture&quot;:&quot;0&quot;,&quot;credit&quot;:&quot;&quot;,&quot;camera&quot;:&quot;&quot;,&quot;caption&quot;:&quot;&quot;,&quot;created_timestamp&quot;:&quot;0&quot;,&quot;copyright&quot;:&quot;&quot;,&quot;focal_length&quot;:&quot;0&quot;,&quot;iso&quot;:&quot;0&quot;,&quot;shutter_speed&quot;:&quot;0&quot;,&quot;title&quot;:&quot;&quot;,&quot;orientation&quot;:&quot;0&quot;}\" data-image-title=\"Capture d\u2019e\u0301cran, le 2025-08-28 a\u0300 12.03.07\" data-image-description=\"\" data-image-caption=\"\" data-large-file=\"https:\/\/i0.wp.com\/itayachtscanada.com\/wp-content\/uploads\/2025\/08\/Capture-decran-le-2025-08-28-a-12.03.07.jpg?fit=700%2C464&amp;ssl=1\" \/><\/a>\n\t\t\t<\/div><\/figure><figure class='gallery-item'>\n\t\t\t<div class='gallery-icon landscape'>\n\t\t\t\t<a href='https:\/\/itayachtscanada.com\/fr\/listing\/absolute-navetta-58-2022-1985000-usd-for-sale\/capture-decran-le-2025-08-28-a-12-03-04\/'><img loading=\"lazy\" decoding=\"async\" width=\"300\" height=\"199\" src=\"https:\/\/i0.wp.com\/itayachtscanada.com\/wp-content\/uploads\/2025\/08\/Capture-decran-le-2025-08-28-a-12.03.04.jpg?fit=300%2C199&amp;ssl=1\" class=\"attachment-medium size-medium\" alt=\"\" srcset=\"https:\/\/i0.wp.com\/itayachtscanada.com\/wp-content\/uploads\/2025\/08\/Capture-decran-le-2025-08-28-a-12.03.04.jpg?w=1306&amp;ssl=1 1306w, https:\/\/i0.wp.com\/itayachtscanada.com\/wp-content\/uploads\/2025\/08\/Capture-decran-le-2025-08-28-a-12.03.04.jpg?resize=300%2C199&amp;ssl=1 300w, https:\/\/i0.wp.com\/itayachtscanada.com\/wp-content\/uploads\/2025\/08\/Capture-decran-le-2025-08-28-a-12.03.04.jpg?resize=1024%2C679&amp;ssl=1 1024w, https:\/\/i0.wp.com\/itayachtscanada.com\/wp-content\/uploads\/2025\/08\/Capture-decran-le-2025-08-28-a-12.03.04.jpg?resize=768%2C509&amp;ssl=1 768w, https:\/\/i0.wp.com\/itayachtscanada.com\/wp-content\/uploads\/2025\/08\/Capture-decran-le-2025-08-28-a-12.03.04.jpg?resize=700%2C464&amp;ssl=1 700w, https:\/\/i0.wp.com\/itayachtscanada.com\/wp-content\/uploads\/2025\/08\/Capture-decran-le-2025-08-28-a-12.03.04.jpg?resize=900%2C600&amp;ssl=1 900w, https:\/\/i0.wp.com\/itayachtscanada.com\/wp-content\/uploads\/2025\/08\/Capture-decran-le-2025-08-28-a-12.03.04.jpg?resize=603%2C400&amp;ssl=1 603w\" sizes=\"auto, (max-width: 300px) 100vw, 300px\" data-attachment-id=\"288866\" data-permalink=\"https:\/\/itayachtscanada.com\/fr\/listing\/absolute-navetta-58-2022-1985000-usd-for-sale\/capture-decran-le-2025-08-28-a-12-03-04\/\" data-orig-file=\"https:\/\/i0.wp.com\/itayachtscanada.com\/wp-content\/uploads\/2025\/08\/Capture-decran-le-2025-08-28-a-12.03.04.jpg?fit=1306%2C866&amp;ssl=1\" data-orig-size=\"1306,866\" data-comments-opened=\"1\" data-image-meta=\"{&quot;aperture&quot;:&quot;0&quot;,&quot;credit&quot;:&quot;&quot;,&quot;camera&quot;:&quot;&quot;,&quot;caption&quot;:&quot;&quot;,&quot;created_timestamp&quot;:&quot;0&quot;,&quot;copyright&quot;:&quot;&quot;,&quot;focal_length&quot;:&quot;0&quot;,&quot;iso&quot;:&quot;0&quot;,&quot;shutter_speed&quot;:&quot;0&quot;,&quot;title&quot;:&quot;&quot;,&quot;orientation&quot;:&quot;0&quot;}\" data-image-title=\"Capture d\u2019e\u0301cran, le 2025-08-28 a\u0300 12.03.04\" data-image-description=\"\" data-image-caption=\"\" data-large-file=\"https:\/\/i0.wp.com\/itayachtscanada.com\/wp-content\/uploads\/2025\/08\/Capture-decran-le-2025-08-28-a-12.03.04.jpg?fit=700%2C464&amp;ssl=1\" \/><\/a>\n\t\t\t<\/div><\/figure><figure class='gallery-item'>\n\t\t\t<div class='gallery-icon landscape'>\n\t\t\t\t<a href='https:\/\/itayachtscanada.com\/fr\/listing\/absolute-navetta-58-2022-1985000-usd-for-sale\/capture-decran-le-2025-08-28-a-12-03-00\/'><img loading=\"lazy\" decoding=\"async\" width=\"300\" height=\"199\" src=\"https:\/\/i0.wp.com\/itayachtscanada.com\/wp-content\/uploads\/2025\/08\/Capture-decran-le-2025-08-28-a-12.03.00.jpg?fit=300%2C199&amp;ssl=1\" class=\"attachment-medium size-medium\" alt=\"\" srcset=\"https:\/\/i0.wp.com\/itayachtscanada.com\/wp-content\/uploads\/2025\/08\/Capture-decran-le-2025-08-28-a-12.03.00.jpg?w=1306&amp;ssl=1 1306w, https:\/\/i0.wp.com\/itayachtscanada.com\/wp-content\/uploads\/2025\/08\/Capture-decran-le-2025-08-28-a-12.03.00.jpg?resize=300%2C199&amp;ssl=1 300w, https:\/\/i0.wp.com\/itayachtscanada.com\/wp-content\/uploads\/2025\/08\/Capture-decran-le-2025-08-28-a-12.03.00.jpg?resize=1024%2C679&amp;ssl=1 1024w, https:\/\/i0.wp.com\/itayachtscanada.com\/wp-content\/uploads\/2025\/08\/Capture-decran-le-2025-08-28-a-12.03.00.jpg?resize=768%2C509&amp;ssl=1 768w, https:\/\/i0.wp.com\/itayachtscanada.com\/wp-content\/uploads\/2025\/08\/Capture-decran-le-2025-08-28-a-12.03.00.jpg?resize=700%2C464&amp;ssl=1 700w, https:\/\/i0.wp.com\/itayachtscanada.com\/wp-content\/uploads\/2025\/08\/Capture-decran-le-2025-08-28-a-12.03.00.jpg?resize=900%2C600&amp;ssl=1 900w, https:\/\/i0.wp.com\/itayachtscanada.com\/wp-content\/uploads\/2025\/08\/Capture-decran-le-2025-08-28-a-12.03.00.jpg?resize=603%2C400&amp;ssl=1 603w\" sizes=\"auto, (max-width: 300px) 100vw, 300px\" data-attachment-id=\"288867\" data-permalink=\"https:\/\/itayachtscanada.com\/fr\/listing\/absolute-navetta-58-2022-1985000-usd-for-sale\/capture-decran-le-2025-08-28-a-12-03-00\/\" data-orig-file=\"https:\/\/i0.wp.com\/itayachtscanada.com\/wp-content\/uploads\/2025\/08\/Capture-decran-le-2025-08-28-a-12.03.00.jpg?fit=1306%2C866&amp;ssl=1\" data-orig-size=\"1306,866\" data-comments-opened=\"1\" data-image-meta=\"{&quot;aperture&quot;:&quot;0&quot;,&quot;credit&quot;:&quot;&quot;,&quot;camera&quot;:&quot;&quot;,&quot;caption&quot;:&quot;&quot;,&quot;created_timestamp&quot;:&quot;0&quot;,&quot;copyright&quot;:&quot;&quot;,&quot;focal_length&quot;:&quot;0&quot;,&quot;iso&quot;:&quot;0&quot;,&quot;shutter_speed&quot;:&quot;0&quot;,&quot;title&quot;:&quot;&quot;,&quot;orientation&quot;:&quot;0&quot;}\" data-image-title=\"Capture d\u2019e\u0301cran, le 2025-08-28 a\u0300 12.03.00\" data-image-description=\"\" data-image-caption=\"\" data-large-file=\"https:\/\/i0.wp.com\/itayachtscanada.com\/wp-content\/uploads\/2025\/08\/Capture-decran-le-2025-08-28-a-12.03.00.jpg?fit=700%2C464&amp;ssl=1\" \/><\/a>\n\t\t\t<\/div><\/figure><figure class='gallery-item'>\n\t\t\t<div class='gallery-icon landscape'>\n\t\t\t\t<a href='https:\/\/itayachtscanada.com\/fr\/listing\/absolute-navetta-58-2022-1985000-usd-for-sale\/capture-decran-le-2025-08-28-a-12-02-56\/'><img loading=\"lazy\" decoding=\"async\" width=\"300\" height=\"199\" src=\"https:\/\/i0.wp.com\/itayachtscanada.com\/wp-content\/uploads\/2025\/08\/Capture-decran-le-2025-08-28-a-12.02.56.jpg?fit=300%2C199&amp;ssl=1\" class=\"attachment-medium size-medium\" alt=\"\" srcset=\"https:\/\/i0.wp.com\/itayachtscanada.com\/wp-content\/uploads\/2025\/08\/Capture-decran-le-2025-08-28-a-12.02.56.jpg?w=1306&amp;ssl=1 1306w, https:\/\/i0.wp.com\/itayachtscanada.com\/wp-content\/uploads\/2025\/08\/Capture-decran-le-2025-08-28-a-12.02.56.jpg?resize=300%2C199&amp;ssl=1 300w, https:\/\/i0.wp.com\/itayachtscanada.com\/wp-content\/uploads\/2025\/08\/Capture-decran-le-2025-08-28-a-12.02.56.jpg?resize=1024%2C679&amp;ssl=1 1024w, https:\/\/i0.wp.com\/itayachtscanada.com\/wp-content\/uploads\/2025\/08\/Capture-decran-le-2025-08-28-a-12.02.56.jpg?resize=768%2C509&amp;ssl=1 768w, https:\/\/i0.wp.com\/itayachtscanada.com\/wp-content\/uploads\/2025\/08\/Capture-decran-le-2025-08-28-a-12.02.56.jpg?resize=700%2C464&amp;ssl=1 700w, https:\/\/i0.wp.com\/itayachtscanada.com\/wp-content\/uploads\/2025\/08\/Capture-decran-le-2025-08-28-a-12.02.56.jpg?resize=900%2C600&amp;ssl=1 900w, https:\/\/i0.wp.com\/itayachtscanada.com\/wp-content\/uploads\/2025\/08\/Capture-decran-le-2025-08-28-a-12.02.56.jpg?resize=603%2C400&amp;ssl=1 603w\" sizes=\"auto, (max-width: 300px) 100vw, 300px\" data-attachment-id=\"288868\" data-permalink=\"https:\/\/itayachtscanada.com\/fr\/listing\/absolute-navetta-58-2022-1985000-usd-for-sale\/capture-decran-le-2025-08-28-a-12-02-56\/\" data-orig-file=\"https:\/\/i0.wp.com\/itayachtscanada.com\/wp-content\/uploads\/2025\/08\/Capture-decran-le-2025-08-28-a-12.02.56.jpg?fit=1306%2C866&amp;ssl=1\" data-orig-size=\"1306,866\" data-comments-opened=\"1\" data-image-meta=\"{&quot;aperture&quot;:&quot;0&quot;,&quot;credit&quot;:&quot;&quot;,&quot;camera&quot;:&quot;&quot;,&quot;caption&quot;:&quot;&quot;,&quot;created_timestamp&quot;:&quot;0&quot;,&quot;copyright&quot;:&quot;&quot;,&quot;focal_length&quot;:&quot;0&quot;,&quot;iso&quot;:&quot;0&quot;,&quot;shutter_speed&quot;:&quot;0&quot;,&quot;title&quot;:&quot;&quot;,&quot;orientation&quot;:&quot;0&quot;}\" data-image-title=\"Capture d\u2019e\u0301cran, le 2025-08-28 a\u0300 12.02.56\" data-image-description=\"\" data-image-caption=\"\" data-large-file=\"https:\/\/i0.wp.com\/itayachtscanada.com\/wp-content\/uploads\/2025\/08\/Capture-decran-le-2025-08-28-a-12.02.56.jpg?fit=700%2C464&amp;ssl=1\" \/><\/a>\n\t\t\t<\/div><\/figure><figure class='gallery-item'>\n\t\t\t<div class='gallery-icon landscape'>\n\t\t\t\t<a href='https:\/\/itayachtscanada.com\/fr\/listing\/absolute-navetta-58-2022-1985000-usd-for-sale\/capture-decran-le-2025-08-28-a-12-02-53\/'><img loading=\"lazy\" decoding=\"async\" width=\"300\" height=\"199\" src=\"https:\/\/i0.wp.com\/itayachtscanada.com\/wp-content\/uploads\/2025\/08\/Capture-decran-le-2025-08-28-a-12.02.53.jpg?fit=300%2C199&amp;ssl=1\" class=\"attachment-medium size-medium\" alt=\"\" srcset=\"https:\/\/i0.wp.com\/itayachtscanada.com\/wp-content\/uploads\/2025\/08\/Capture-decran-le-2025-08-28-a-12.02.53.jpg?w=1306&amp;ssl=1 1306w, https:\/\/i0.wp.com\/itayachtscanada.com\/wp-content\/uploads\/2025\/08\/Capture-decran-le-2025-08-28-a-12.02.53.jpg?resize=300%2C199&amp;ssl=1 300w, https:\/\/i0.wp.com\/itayachtscanada.com\/wp-content\/uploads\/2025\/08\/Capture-decran-le-2025-08-28-a-12.02.53.jpg?resize=1024%2C679&amp;ssl=1 1024w, https:\/\/i0.wp.com\/itayachtscanada.com\/wp-content\/uploads\/2025\/08\/Capture-decran-le-2025-08-28-a-12.02.53.jpg?resize=768%2C509&amp;ssl=1 768w, https:\/\/i0.wp.com\/itayachtscanada.com\/wp-content\/uploads\/2025\/08\/Capture-decran-le-2025-08-28-a-12.02.53.jpg?resize=700%2C464&amp;ssl=1 700w, https:\/\/i0.wp.com\/itayachtscanada.com\/wp-content\/uploads\/2025\/08\/Capture-decran-le-2025-08-28-a-12.02.53.jpg?resize=900%2C600&amp;ssl=1 900w, https:\/\/i0.wp.com\/itayachtscanada.com\/wp-content\/uploads\/2025\/08\/Capture-decran-le-2025-08-28-a-12.02.53.jpg?resize=603%2C400&amp;ssl=1 603w\" sizes=\"auto, (max-width: 300px) 100vw, 300px\" data-attachment-id=\"288869\" data-permalink=\"https:\/\/itayachtscanada.com\/fr\/listing\/absolute-navetta-58-2022-1985000-usd-for-sale\/capture-decran-le-2025-08-28-a-12-02-53\/\" data-orig-file=\"https:\/\/i0.wp.com\/itayachtscanada.com\/wp-content\/uploads\/2025\/08\/Capture-decran-le-2025-08-28-a-12.02.53.jpg?fit=1306%2C866&amp;ssl=1\" data-orig-size=\"1306,866\" data-comments-opened=\"1\" data-image-meta=\"{&quot;aperture&quot;:&quot;0&quot;,&quot;credit&quot;:&quot;&quot;,&quot;camera&quot;:&quot;&quot;,&quot;caption&quot;:&quot;&quot;,&quot;created_timestamp&quot;:&quot;0&quot;,&quot;copyright&quot;:&quot;&quot;,&quot;focal_length&quot;:&quot;0&quot;,&quot;iso&quot;:&quot;0&quot;,&quot;shutter_speed&quot;:&quot;0&quot;,&quot;title&quot;:&quot;&quot;,&quot;orientation&quot;:&quot;0&quot;}\" data-image-title=\"Capture d\u2019e\u0301cran, le 2025-08-28 a\u0300 12.02.53\" data-image-description=\"\" data-image-caption=\"\" data-large-file=\"https:\/\/i0.wp.com\/itayachtscanada.com\/wp-content\/uploads\/2025\/08\/Capture-decran-le-2025-08-28-a-12.02.53.jpg?fit=700%2C464&amp;ssl=1\" \/><\/a>\n\t\t\t<\/div><\/figure><figure class='gallery-item'>\n\t\t\t<div class='gallery-icon landscape'>\n\t\t\t\t<a href='https:\/\/itayachtscanada.com\/fr\/listing\/absolute-navetta-58-2022-1985000-usd-for-sale\/capture-decran-le-2025-08-28-a-12-02-50\/'><img loading=\"lazy\" decoding=\"async\" width=\"300\" height=\"199\" src=\"https:\/\/i0.wp.com\/itayachtscanada.com\/wp-content\/uploads\/2025\/08\/Capture-decran-le-2025-08-28-a-12.02.50.jpg?fit=300%2C199&amp;ssl=1\" class=\"attachment-medium size-medium\" alt=\"\" srcset=\"https:\/\/i0.wp.com\/itayachtscanada.com\/wp-content\/uploads\/2025\/08\/Capture-decran-le-2025-08-28-a-12.02.50.jpg?w=1306&amp;ssl=1 1306w, https:\/\/i0.wp.com\/itayachtscanada.com\/wp-content\/uploads\/2025\/08\/Capture-decran-le-2025-08-28-a-12.02.50.jpg?resize=300%2C199&amp;ssl=1 300w, https:\/\/i0.wp.com\/itayachtscanada.com\/wp-content\/uploads\/2025\/08\/Capture-decran-le-2025-08-28-a-12.02.50.jpg?resize=1024%2C679&amp;ssl=1 1024w, https:\/\/i0.wp.com\/itayachtscanada.com\/wp-content\/uploads\/2025\/08\/Capture-decran-le-2025-08-28-a-12.02.50.jpg?resize=768%2C509&amp;ssl=1 768w, https:\/\/i0.wp.com\/itayachtscanada.com\/wp-content\/uploads\/2025\/08\/Capture-decran-le-2025-08-28-a-12.02.50.jpg?resize=700%2C464&amp;ssl=1 700w, https:\/\/i0.wp.com\/itayachtscanada.com\/wp-content\/uploads\/2025\/08\/Capture-decran-le-2025-08-28-a-12.02.50.jpg?resize=900%2C600&amp;ssl=1 900w, https:\/\/i0.wp.com\/itayachtscanada.com\/wp-content\/uploads\/2025\/08\/Capture-decran-le-2025-08-28-a-12.02.50.jpg?resize=603%2C400&amp;ssl=1 603w\" sizes=\"auto, (max-width: 300px) 100vw, 300px\" data-attachment-id=\"288870\" data-permalink=\"https:\/\/itayachtscanada.com\/fr\/listing\/absolute-navetta-58-2022-1985000-usd-for-sale\/capture-decran-le-2025-08-28-a-12-02-50\/\" data-orig-file=\"https:\/\/i0.wp.com\/itayachtscanada.com\/wp-content\/uploads\/2025\/08\/Capture-decran-le-2025-08-28-a-12.02.50.jpg?fit=1306%2C866&amp;ssl=1\" data-orig-size=\"1306,866\" data-comments-opened=\"1\" data-image-meta=\"{&quot;aperture&quot;:&quot;0&quot;,&quot;credit&quot;:&quot;&quot;,&quot;camera&quot;:&quot;&quot;,&quot;caption&quot;:&quot;&quot;,&quot;created_timestamp&quot;:&quot;0&quot;,&quot;copyright&quot;:&quot;&quot;,&quot;focal_length&quot;:&quot;0&quot;,&quot;iso&quot;:&quot;0&quot;,&quot;shutter_speed&quot;:&quot;0&quot;,&quot;title&quot;:&quot;&quot;,&quot;orientation&quot;:&quot;0&quot;}\" data-image-title=\"Capture d\u2019e\u0301cran, le 2025-08-28 a\u0300 12.02.50\" data-image-description=\"\" data-image-caption=\"\" data-large-file=\"https:\/\/i0.wp.com\/itayachtscanada.com\/wp-content\/uploads\/2025\/08\/Capture-decran-le-2025-08-28-a-12.02.50.jpg?fit=700%2C464&amp;ssl=1\" \/><\/a>\n\t\t\t<\/div><\/figure><figure class='gallery-item'>\n\t\t\t<div class='gallery-icon landscape'>\n\t\t\t\t<a href='https:\/\/itayachtscanada.com\/fr\/listing\/absolute-navetta-58-2022-1985000-usd-for-sale\/capture-decran-le-2025-08-28-a-12-02-47\/'><img loading=\"lazy\" decoding=\"async\" width=\"300\" height=\"199\" src=\"https:\/\/i0.wp.com\/itayachtscanada.com\/wp-content\/uploads\/2025\/08\/Capture-decran-le-2025-08-28-a-12.02.47.jpg?fit=300%2C199&amp;ssl=1\" class=\"attachment-medium size-medium\" alt=\"\" srcset=\"https:\/\/i0.wp.com\/itayachtscanada.com\/wp-content\/uploads\/2025\/08\/Capture-decran-le-2025-08-28-a-12.02.47.jpg?w=1306&amp;ssl=1 1306w, https:\/\/i0.wp.com\/itayachtscanada.com\/wp-content\/uploads\/2025\/08\/Capture-decran-le-2025-08-28-a-12.02.47.jpg?resize=300%2C199&amp;ssl=1 300w, https:\/\/i0.wp.com\/itayachtscanada.com\/wp-content\/uploads\/2025\/08\/Capture-decran-le-2025-08-28-a-12.02.47.jpg?resize=1024%2C679&amp;ssl=1 1024w, https:\/\/i0.wp.com\/itayachtscanada.com\/wp-content\/uploads\/2025\/08\/Capture-decran-le-2025-08-28-a-12.02.47.jpg?resize=768%2C509&amp;ssl=1 768w, https:\/\/i0.wp.com\/itayachtscanada.com\/wp-content\/uploads\/2025\/08\/Capture-decran-le-2025-08-28-a-12.02.47.jpg?resize=700%2C464&amp;ssl=1 700w, https:\/\/i0.wp.com\/itayachtscanada.com\/wp-content\/uploads\/2025\/08\/Capture-decran-le-2025-08-28-a-12.02.47.jpg?resize=900%2C600&amp;ssl=1 900w, https:\/\/i0.wp.com\/itayachtscanada.com\/wp-content\/uploads\/2025\/08\/Capture-decran-le-2025-08-28-a-12.02.47.jpg?resize=603%2C400&amp;ssl=1 603w\" sizes=\"auto, (max-width: 300px) 100vw, 300px\" data-attachment-id=\"288871\" data-permalink=\"https:\/\/itayachtscanada.com\/fr\/listing\/absolute-navetta-58-2022-1985000-usd-for-sale\/capture-decran-le-2025-08-28-a-12-02-47\/\" data-orig-file=\"https:\/\/i0.wp.com\/itayachtscanada.com\/wp-content\/uploads\/2025\/08\/Capture-decran-le-2025-08-28-a-12.02.47.jpg?fit=1306%2C866&amp;ssl=1\" data-orig-size=\"1306,866\" data-comments-opened=\"1\" data-image-meta=\"{&quot;aperture&quot;:&quot;0&quot;,&quot;credit&quot;:&quot;&quot;,&quot;camera&quot;:&quot;&quot;,&quot;caption&quot;:&quot;&quot;,&quot;created_timestamp&quot;:&quot;0&quot;,&quot;copyright&quot;:&quot;&quot;,&quot;focal_length&quot;:&quot;0&quot;,&quot;iso&quot;:&quot;0&quot;,&quot;shutter_speed&quot;:&quot;0&quot;,&quot;title&quot;:&quot;&quot;,&quot;orientation&quot;:&quot;0&quot;}\" data-image-title=\"Capture d\u2019e\u0301cran, le 2025-08-28 a\u0300 12.02.47\" data-image-description=\"\" data-image-caption=\"\" data-large-file=\"https:\/\/i0.wp.com\/itayachtscanada.com\/wp-content\/uploads\/2025\/08\/Capture-decran-le-2025-08-28-a-12.02.47.jpg?fit=700%2C464&amp;ssl=1\" \/><\/a>\n\t\t\t<\/div><\/figure><figure class='gallery-item'>\n\t\t\t<div class='gallery-icon landscape'>\n\t\t\t\t<a href='https:\/\/itayachtscanada.com\/fr\/listing\/absolute-navetta-58-2022-1985000-usd-for-sale\/capture-decran-le-2025-08-28-a-12-02-44\/'><img loading=\"lazy\" decoding=\"async\" width=\"300\" height=\"199\" src=\"https:\/\/i0.wp.com\/itayachtscanada.com\/wp-content\/uploads\/2025\/08\/Capture-decran-le-2025-08-28-a-12.02.44.jpg?fit=300%2C199&amp;ssl=1\" class=\"attachment-medium size-medium\" alt=\"\" srcset=\"https:\/\/i0.wp.com\/itayachtscanada.com\/wp-content\/uploads\/2025\/08\/Capture-decran-le-2025-08-28-a-12.02.44.jpg?w=1306&amp;ssl=1 1306w, https:\/\/i0.wp.com\/itayachtscanada.com\/wp-content\/uploads\/2025\/08\/Capture-decran-le-2025-08-28-a-12.02.44.jpg?resize=300%2C199&amp;ssl=1 300w, https:\/\/i0.wp.com\/itayachtscanada.com\/wp-content\/uploads\/2025\/08\/Capture-decran-le-2025-08-28-a-12.02.44.jpg?resize=1024%2C679&amp;ssl=1 1024w, https:\/\/i0.wp.com\/itayachtscanada.com\/wp-content\/uploads\/2025\/08\/Capture-decran-le-2025-08-28-a-12.02.44.jpg?resize=768%2C509&amp;ssl=1 768w, https:\/\/i0.wp.com\/itayachtscanada.com\/wp-content\/uploads\/2025\/08\/Capture-decran-le-2025-08-28-a-12.02.44.jpg?resize=700%2C464&amp;ssl=1 700w, https:\/\/i0.wp.com\/itayachtscanada.com\/wp-content\/uploads\/2025\/08\/Capture-decran-le-2025-08-28-a-12.02.44.jpg?resize=900%2C600&amp;ssl=1 900w, https:\/\/i0.wp.com\/itayachtscanada.com\/wp-content\/uploads\/2025\/08\/Capture-decran-le-2025-08-28-a-12.02.44.jpg?resize=603%2C400&amp;ssl=1 603w\" sizes=\"auto, (max-width: 300px) 100vw, 300px\" data-attachment-id=\"288872\" data-permalink=\"https:\/\/itayachtscanada.com\/fr\/listing\/absolute-navetta-58-2022-1985000-usd-for-sale\/capture-decran-le-2025-08-28-a-12-02-44\/\" data-orig-file=\"https:\/\/i0.wp.com\/itayachtscanada.com\/wp-content\/uploads\/2025\/08\/Capture-decran-le-2025-08-28-a-12.02.44.jpg?fit=1306%2C866&amp;ssl=1\" data-orig-size=\"1306,866\" data-comments-opened=\"1\" data-image-meta=\"{&quot;aperture&quot;:&quot;0&quot;,&quot;credit&quot;:&quot;&quot;,&quot;camera&quot;:&quot;&quot;,&quot;caption&quot;:&quot;&quot;,&quot;created_timestamp&quot;:&quot;0&quot;,&quot;copyright&quot;:&quot;&quot;,&quot;focal_length&quot;:&quot;0&quot;,&quot;iso&quot;:&quot;0&quot;,&quot;shutter_speed&quot;:&quot;0&quot;,&quot;title&quot;:&quot;&quot;,&quot;orientation&quot;:&quot;0&quot;}\" data-image-title=\"Capture d\u2019e\u0301cran, le 2025-08-28 a\u0300 12.02.44\" data-image-description=\"\" data-image-caption=\"\" data-large-file=\"https:\/\/i0.wp.com\/itayachtscanada.com\/wp-content\/uploads\/2025\/08\/Capture-decran-le-2025-08-28-a-12.02.44.jpg?fit=700%2C464&amp;ssl=1\" \/><\/a>\n\t\t\t<\/div><\/figure><figure class='gallery-item'>\n\t\t\t<div class='gallery-icon landscape'>\n\t\t\t\t<a href='https:\/\/itayachtscanada.com\/fr\/listing\/absolute-navetta-58-2022-1985000-usd-for-sale\/capture-decran-le-2025-08-28-a-12-02-41\/'><img loading=\"lazy\" decoding=\"async\" width=\"300\" height=\"199\" src=\"https:\/\/i0.wp.com\/itayachtscanada.com\/wp-content\/uploads\/2025\/08\/Capture-decran-le-2025-08-28-a-12.02.41.jpg?fit=300%2C199&amp;ssl=1\" class=\"attachment-medium size-medium\" alt=\"\" srcset=\"https:\/\/i0.wp.com\/itayachtscanada.com\/wp-content\/uploads\/2025\/08\/Capture-decran-le-2025-08-28-a-12.02.41.jpg?w=1306&amp;ssl=1 1306w, https:\/\/i0.wp.com\/itayachtscanada.com\/wp-content\/uploads\/2025\/08\/Capture-decran-le-2025-08-28-a-12.02.41.jpg?resize=300%2C199&amp;ssl=1 300w, https:\/\/i0.wp.com\/itayachtscanada.com\/wp-content\/uploads\/2025\/08\/Capture-decran-le-2025-08-28-a-12.02.41.jpg?resize=1024%2C679&amp;ssl=1 1024w, https:\/\/i0.wp.com\/itayachtscanada.com\/wp-content\/uploads\/2025\/08\/Capture-decran-le-2025-08-28-a-12.02.41.jpg?resize=768%2C509&amp;ssl=1 768w, https:\/\/i0.wp.com\/itayachtscanada.com\/wp-content\/uploads\/2025\/08\/Capture-decran-le-2025-08-28-a-12.02.41.jpg?resize=700%2C464&amp;ssl=1 700w, https:\/\/i0.wp.com\/itayachtscanada.com\/wp-content\/uploads\/2025\/08\/Capture-decran-le-2025-08-28-a-12.02.41.jpg?resize=900%2C600&amp;ssl=1 900w, https:\/\/i0.wp.com\/itayachtscanada.com\/wp-content\/uploads\/2025\/08\/Capture-decran-le-2025-08-28-a-12.02.41.jpg?resize=603%2C400&amp;ssl=1 603w\" sizes=\"auto, (max-width: 300px) 100vw, 300px\" data-attachment-id=\"288873\" data-permalink=\"https:\/\/itayachtscanada.com\/fr\/listing\/absolute-navetta-58-2022-1985000-usd-for-sale\/capture-decran-le-2025-08-28-a-12-02-41\/\" data-orig-file=\"https:\/\/i0.wp.com\/itayachtscanada.com\/wp-content\/uploads\/2025\/08\/Capture-decran-le-2025-08-28-a-12.02.41.jpg?fit=1306%2C866&amp;ssl=1\" data-orig-size=\"1306,866\" data-comments-opened=\"1\" data-image-meta=\"{&quot;aperture&quot;:&quot;0&quot;,&quot;credit&quot;:&quot;&quot;,&quot;camera&quot;:&quot;&quot;,&quot;caption&quot;:&quot;&quot;,&quot;created_timestamp&quot;:&quot;0&quot;,&quot;copyright&quot;:&quot;&quot;,&quot;focal_length&quot;:&quot;0&quot;,&quot;iso&quot;:&quot;0&quot;,&quot;shutter_speed&quot;:&quot;0&quot;,&quot;title&quot;:&quot;&quot;,&quot;orientation&quot;:&quot;0&quot;}\" data-image-title=\"Capture d\u2019e\u0301cran, le 2025-08-28 a\u0300 12.02.41\" data-image-description=\"\" data-image-caption=\"\" data-large-file=\"https:\/\/i0.wp.com\/itayachtscanada.com\/wp-content\/uploads\/2025\/08\/Capture-decran-le-2025-08-28-a-12.02.41.jpg?fit=700%2C464&amp;ssl=1\" \/><\/a>\n\t\t\t<\/div><\/figure><figure class='gallery-item'>\n\t\t\t<div class='gallery-icon landscape'>\n\t\t\t\t<a href='https:\/\/itayachtscanada.com\/fr\/listing\/absolute-navetta-58-2022-1985000-usd-for-sale\/capture-decran-le-2025-08-28-a-12-02-38\/'><img loading=\"lazy\" decoding=\"async\" width=\"300\" height=\"199\" src=\"https:\/\/i0.wp.com\/itayachtscanada.com\/wp-content\/uploads\/2025\/08\/Capture-decran-le-2025-08-28-a-12.02.38.jpg?fit=300%2C199&amp;ssl=1\" class=\"attachment-medium size-medium\" alt=\"\" srcset=\"https:\/\/i0.wp.com\/itayachtscanada.com\/wp-content\/uploads\/2025\/08\/Capture-decran-le-2025-08-28-a-12.02.38.jpg?w=1306&amp;ssl=1 1306w, https:\/\/i0.wp.com\/itayachtscanada.com\/wp-content\/uploads\/2025\/08\/Capture-decran-le-2025-08-28-a-12.02.38.jpg?resize=300%2C199&amp;ssl=1 300w, https:\/\/i0.wp.com\/itayachtscanada.com\/wp-content\/uploads\/2025\/08\/Capture-decran-le-2025-08-28-a-12.02.38.jpg?resize=1024%2C679&amp;ssl=1 1024w, https:\/\/i0.wp.com\/itayachtscanada.com\/wp-content\/uploads\/2025\/08\/Capture-decran-le-2025-08-28-a-12.02.38.jpg?resize=768%2C509&amp;ssl=1 768w, https:\/\/i0.wp.com\/itayachtscanada.com\/wp-content\/uploads\/2025\/08\/Capture-decran-le-2025-08-28-a-12.02.38.jpg?resize=700%2C464&amp;ssl=1 700w, https:\/\/i0.wp.com\/itayachtscanada.com\/wp-content\/uploads\/2025\/08\/Capture-decran-le-2025-08-28-a-12.02.38.jpg?resize=900%2C600&amp;ssl=1 900w, https:\/\/i0.wp.com\/itayachtscanada.com\/wp-content\/uploads\/2025\/08\/Capture-decran-le-2025-08-28-a-12.02.38.jpg?resize=603%2C400&amp;ssl=1 603w\" sizes=\"auto, (max-width: 300px) 100vw, 300px\" data-attachment-id=\"288874\" data-permalink=\"https:\/\/itayachtscanada.com\/fr\/listing\/absolute-navetta-58-2022-1985000-usd-for-sale\/capture-decran-le-2025-08-28-a-12-02-38\/\" data-orig-file=\"https:\/\/i0.wp.com\/itayachtscanada.com\/wp-content\/uploads\/2025\/08\/Capture-decran-le-2025-08-28-a-12.02.38.jpg?fit=1306%2C866&amp;ssl=1\" data-orig-size=\"1306,866\" data-comments-opened=\"1\" data-image-meta=\"{&quot;aperture&quot;:&quot;0&quot;,&quot;credit&quot;:&quot;&quot;,&quot;camera&quot;:&quot;&quot;,&quot;caption&quot;:&quot;&quot;,&quot;created_timestamp&quot;:&quot;0&quot;,&quot;copyright&quot;:&quot;&quot;,&quot;focal_length&quot;:&quot;0&quot;,&quot;iso&quot;:&quot;0&quot;,&quot;shutter_speed&quot;:&quot;0&quot;,&quot;title&quot;:&quot;&quot;,&quot;orientation&quot;:&quot;0&quot;}\" data-image-title=\"Capture d\u2019e\u0301cran, le 2025-08-28 a\u0300 12.02.38\" data-image-description=\"\" data-image-caption=\"\" data-large-file=\"https:\/\/i0.wp.com\/itayachtscanada.com\/wp-content\/uploads\/2025\/08\/Capture-decran-le-2025-08-28-a-12.02.38.jpg?fit=700%2C464&amp;ssl=1\" \/><\/a>\n\t\t\t<\/div><\/figure><figure class='gallery-item'>\n\t\t\t<div class='gallery-icon landscape'>\n\t\t\t\t<a href='https:\/\/itayachtscanada.com\/fr\/listing\/absolute-navetta-58-2022-1985000-usd-for-sale\/capture-decran-le-2025-08-28-a-12-02-35\/'><img loading=\"lazy\" decoding=\"async\" width=\"300\" height=\"199\" src=\"https:\/\/i0.wp.com\/itayachtscanada.com\/wp-content\/uploads\/2025\/08\/Capture-decran-le-2025-08-28-a-12.02.35.jpg?fit=300%2C199&amp;ssl=1\" class=\"attachment-medium size-medium\" alt=\"\" srcset=\"https:\/\/i0.wp.com\/itayachtscanada.com\/wp-content\/uploads\/2025\/08\/Capture-decran-le-2025-08-28-a-12.02.35.jpg?w=1306&amp;ssl=1 1306w, https:\/\/i0.wp.com\/itayachtscanada.com\/wp-content\/uploads\/2025\/08\/Capture-decran-le-2025-08-28-a-12.02.35.jpg?resize=300%2C199&amp;ssl=1 300w, https:\/\/i0.wp.com\/itayachtscanada.com\/wp-content\/uploads\/2025\/08\/Capture-decran-le-2025-08-28-a-12.02.35.jpg?resize=1024%2C679&amp;ssl=1 1024w, https:\/\/i0.wp.com\/itayachtscanada.com\/wp-content\/uploads\/2025\/08\/Capture-decran-le-2025-08-28-a-12.02.35.jpg?resize=768%2C509&amp;ssl=1 768w, https:\/\/i0.wp.com\/itayachtscanada.com\/wp-content\/uploads\/2025\/08\/Capture-decran-le-2025-08-28-a-12.02.35.jpg?resize=700%2C464&amp;ssl=1 700w, https:\/\/i0.wp.com\/itayachtscanada.com\/wp-content\/uploads\/2025\/08\/Capture-decran-le-2025-08-28-a-12.02.35.jpg?resize=900%2C600&amp;ssl=1 900w, https:\/\/i0.wp.com\/itayachtscanada.com\/wp-content\/uploads\/2025\/08\/Capture-decran-le-2025-08-28-a-12.02.35.jpg?resize=603%2C400&amp;ssl=1 603w\" sizes=\"auto, (max-width: 300px) 100vw, 300px\" data-attachment-id=\"288875\" data-permalink=\"https:\/\/itayachtscanada.com\/fr\/listing\/absolute-navetta-58-2022-1985000-usd-for-sale\/capture-decran-le-2025-08-28-a-12-02-35\/\" data-orig-file=\"https:\/\/i0.wp.com\/itayachtscanada.com\/wp-content\/uploads\/2025\/08\/Capture-decran-le-2025-08-28-a-12.02.35.jpg?fit=1306%2C866&amp;ssl=1\" data-orig-size=\"1306,866\" data-comments-opened=\"1\" data-image-meta=\"{&quot;aperture&quot;:&quot;0&quot;,&quot;credit&quot;:&quot;&quot;,&quot;camera&quot;:&quot;&quot;,&quot;caption&quot;:&quot;&quot;,&quot;created_timestamp&quot;:&quot;0&quot;,&quot;copyright&quot;:&quot;&quot;,&quot;focal_length&quot;:&quot;0&quot;,&quot;iso&quot;:&quot;0&quot;,&quot;shutter_speed&quot;:&quot;0&quot;,&quot;title&quot;:&quot;&quot;,&quot;orientation&quot;:&quot;0&quot;}\" data-image-title=\"Capture d\u2019e\u0301cran, le 2025-08-28 a\u0300 12.02.35\" data-image-description=\"\" data-image-caption=\"\" data-large-file=\"https:\/\/i0.wp.com\/itayachtscanada.com\/wp-content\/uploads\/2025\/08\/Capture-decran-le-2025-08-28-a-12.02.35.jpg?fit=700%2C464&amp;ssl=1\" \/><\/a>\n\t\t\t<\/div><\/figure><figure class='gallery-item'>\n\t\t\t<div class='gallery-icon landscape'>\n\t\t\t\t<a href='https:\/\/itayachtscanada.com\/fr\/listing\/absolute-navetta-58-2022-1985000-usd-for-sale\/capture-decran-le-2025-08-28-a-12-02-31\/'><img loading=\"lazy\" decoding=\"async\" width=\"300\" height=\"199\" src=\"https:\/\/i0.wp.com\/itayachtscanada.com\/wp-content\/uploads\/2025\/08\/Capture-decran-le-2025-08-28-a-12.02.31.jpg?fit=300%2C199&amp;ssl=1\" class=\"attachment-medium size-medium\" alt=\"\" srcset=\"https:\/\/i0.wp.com\/itayachtscanada.com\/wp-content\/uploads\/2025\/08\/Capture-decran-le-2025-08-28-a-12.02.31.jpg?w=1306&amp;ssl=1 1306w, https:\/\/i0.wp.com\/itayachtscanada.com\/wp-content\/uploads\/2025\/08\/Capture-decran-le-2025-08-28-a-12.02.31.jpg?resize=300%2C199&amp;ssl=1 300w, https:\/\/i0.wp.com\/itayachtscanada.com\/wp-content\/uploads\/2025\/08\/Capture-decran-le-2025-08-28-a-12.02.31.jpg?resize=1024%2C679&amp;ssl=1 1024w, https:\/\/i0.wp.com\/itayachtscanada.com\/wp-content\/uploads\/2025\/08\/Capture-decran-le-2025-08-28-a-12.02.31.jpg?resize=768%2C509&amp;ssl=1 768w, https:\/\/i0.wp.com\/itayachtscanada.com\/wp-content\/uploads\/2025\/08\/Capture-decran-le-2025-08-28-a-12.02.31.jpg?resize=700%2C464&amp;ssl=1 700w, https:\/\/i0.wp.com\/itayachtscanada.com\/wp-content\/uploads\/2025\/08\/Capture-decran-le-2025-08-28-a-12.02.31.jpg?resize=900%2C600&amp;ssl=1 900w, https:\/\/i0.wp.com\/itayachtscanada.com\/wp-content\/uploads\/2025\/08\/Capture-decran-le-2025-08-28-a-12.02.31.jpg?resize=603%2C400&amp;ssl=1 603w\" sizes=\"auto, (max-width: 300px) 100vw, 300px\" data-attachment-id=\"288876\" data-permalink=\"https:\/\/itayachtscanada.com\/fr\/listing\/absolute-navetta-58-2022-1985000-usd-for-sale\/capture-decran-le-2025-08-28-a-12-02-31\/\" data-orig-file=\"https:\/\/i0.wp.com\/itayachtscanada.com\/wp-content\/uploads\/2025\/08\/Capture-decran-le-2025-08-28-a-12.02.31.jpg?fit=1306%2C866&amp;ssl=1\" data-orig-size=\"1306,866\" data-comments-opened=\"1\" data-image-meta=\"{&quot;aperture&quot;:&quot;0&quot;,&quot;credit&quot;:&quot;&quot;,&quot;camera&quot;:&quot;&quot;,&quot;caption&quot;:&quot;&quot;,&quot;created_timestamp&quot;:&quot;0&quot;,&quot;copyright&quot;:&quot;&quot;,&quot;focal_length&quot;:&quot;0&quot;,&quot;iso&quot;:&quot;0&quot;,&quot;shutter_speed&quot;:&quot;0&quot;,&quot;title&quot;:&quot;&quot;,&quot;orientation&quot;:&quot;0&quot;}\" data-image-title=\"Capture d\u2019e\u0301cran, le 2025-08-28 a\u0300 12.02.31\" data-image-description=\"\" data-image-caption=\"\" data-large-file=\"https:\/\/i0.wp.com\/itayachtscanada.com\/wp-content\/uploads\/2025\/08\/Capture-decran-le-2025-08-28-a-12.02.31.jpg?fit=700%2C464&amp;ssl=1\" \/><\/a>\n\t\t\t<\/div><\/figure><figure class='gallery-item'>\n\t\t\t<div class='gallery-icon landscape'>\n\t\t\t\t<a href='https:\/\/itayachtscanada.com\/fr\/listing\/absolute-navetta-58-2022-1985000-usd-for-sale\/capture-decran-le-2025-08-28-a-12-02-28\/'><img loading=\"lazy\" decoding=\"async\" width=\"300\" height=\"199\" src=\"https:\/\/i0.wp.com\/itayachtscanada.com\/wp-content\/uploads\/2025\/08\/Capture-decran-le-2025-08-28-a-12.02.28.jpg?fit=300%2C199&amp;ssl=1\" class=\"attachment-medium size-medium\" alt=\"\" srcset=\"https:\/\/i0.wp.com\/itayachtscanada.com\/wp-content\/uploads\/2025\/08\/Capture-decran-le-2025-08-28-a-12.02.28.jpg?w=1306&amp;ssl=1 1306w, https:\/\/i0.wp.com\/itayachtscanada.com\/wp-content\/uploads\/2025\/08\/Capture-decran-le-2025-08-28-a-12.02.28.jpg?resize=300%2C199&amp;ssl=1 300w, https:\/\/i0.wp.com\/itayachtscanada.com\/wp-content\/uploads\/2025\/08\/Capture-decran-le-2025-08-28-a-12.02.28.jpg?resize=1024%2C679&amp;ssl=1 1024w, https:\/\/i0.wp.com\/itayachtscanada.com\/wp-content\/uploads\/2025\/08\/Capture-decran-le-2025-08-28-a-12.02.28.jpg?resize=768%2C509&amp;ssl=1 768w, https:\/\/i0.wp.com\/itayachtscanada.com\/wp-content\/uploads\/2025\/08\/Capture-decran-le-2025-08-28-a-12.02.28.jpg?resize=700%2C464&amp;ssl=1 700w, https:\/\/i0.wp.com\/itayachtscanada.com\/wp-content\/uploads\/2025\/08\/Capture-decran-le-2025-08-28-a-12.02.28.jpg?resize=900%2C600&amp;ssl=1 900w, https:\/\/i0.wp.com\/itayachtscanada.com\/wp-content\/uploads\/2025\/08\/Capture-decran-le-2025-08-28-a-12.02.28.jpg?resize=603%2C400&amp;ssl=1 603w\" sizes=\"auto, (max-width: 300px) 100vw, 300px\" data-attachment-id=\"288877\" data-permalink=\"https:\/\/itayachtscanada.com\/fr\/listing\/absolute-navetta-58-2022-1985000-usd-for-sale\/capture-decran-le-2025-08-28-a-12-02-28\/\" data-orig-file=\"https:\/\/i0.wp.com\/itayachtscanada.com\/wp-content\/uploads\/2025\/08\/Capture-decran-le-2025-08-28-a-12.02.28.jpg?fit=1306%2C866&amp;ssl=1\" data-orig-size=\"1306,866\" data-comments-opened=\"1\" data-image-meta=\"{&quot;aperture&quot;:&quot;0&quot;,&quot;credit&quot;:&quot;&quot;,&quot;camera&quot;:&quot;&quot;,&quot;caption&quot;:&quot;&quot;,&quot;created_timestamp&quot;:&quot;0&quot;,&quot;copyright&quot;:&quot;&quot;,&quot;focal_length&quot;:&quot;0&quot;,&quot;iso&quot;:&quot;0&quot;,&quot;shutter_speed&quot;:&quot;0&quot;,&quot;title&quot;:&quot;&quot;,&quot;orientation&quot;:&quot;0&quot;}\" data-image-title=\"Capture d\u2019e\u0301cran, le 2025-08-28 a\u0300 12.02.28\" data-image-description=\"\" data-image-caption=\"\" data-large-file=\"https:\/\/i0.wp.com\/itayachtscanada.com\/wp-content\/uploads\/2025\/08\/Capture-decran-le-2025-08-28-a-12.02.28.jpg?fit=700%2C464&amp;ssl=1\" \/><\/a>\n\t\t\t<\/div><\/figure><figure class='gallery-item'>\n\t\t\t<div class='gallery-icon landscape'>\n\t\t\t\t<a href='https:\/\/itayachtscanada.com\/fr\/listing\/absolute-navetta-58-2022-1985000-usd-for-sale\/capture-decran-le-2025-08-28-a-12-02-24\/'><img loading=\"lazy\" decoding=\"async\" width=\"300\" height=\"199\" src=\"https:\/\/i0.wp.com\/itayachtscanada.com\/wp-content\/uploads\/2025\/08\/Capture-decran-le-2025-08-28-a-12.02.24.jpg?fit=300%2C199&amp;ssl=1\" class=\"attachment-medium size-medium\" alt=\"\" srcset=\"https:\/\/i0.wp.com\/itayachtscanada.com\/wp-content\/uploads\/2025\/08\/Capture-decran-le-2025-08-28-a-12.02.24.jpg?w=1306&amp;ssl=1 1306w, https:\/\/i0.wp.com\/itayachtscanada.com\/wp-content\/uploads\/2025\/08\/Capture-decran-le-2025-08-28-a-12.02.24.jpg?resize=300%2C199&amp;ssl=1 300w, https:\/\/i0.wp.com\/itayachtscanada.com\/wp-content\/uploads\/2025\/08\/Capture-decran-le-2025-08-28-a-12.02.24.jpg?resize=1024%2C679&amp;ssl=1 1024w, https:\/\/i0.wp.com\/itayachtscanada.com\/wp-content\/uploads\/2025\/08\/Capture-decran-le-2025-08-28-a-12.02.24.jpg?resize=768%2C509&amp;ssl=1 768w, https:\/\/i0.wp.com\/itayachtscanada.com\/wp-content\/uploads\/2025\/08\/Capture-decran-le-2025-08-28-a-12.02.24.jpg?resize=700%2C464&amp;ssl=1 700w, https:\/\/i0.wp.com\/itayachtscanada.com\/wp-content\/uploads\/2025\/08\/Capture-decran-le-2025-08-28-a-12.02.24.jpg?resize=900%2C600&amp;ssl=1 900w, https:\/\/i0.wp.com\/itayachtscanada.com\/wp-content\/uploads\/2025\/08\/Capture-decran-le-2025-08-28-a-12.02.24.jpg?resize=603%2C400&amp;ssl=1 603w\" sizes=\"auto, (max-width: 300px) 100vw, 300px\" data-attachment-id=\"288878\" data-permalink=\"https:\/\/itayachtscanada.com\/fr\/listing\/absolute-navetta-58-2022-1985000-usd-for-sale\/capture-decran-le-2025-08-28-a-12-02-24\/\" data-orig-file=\"https:\/\/i0.wp.com\/itayachtscanada.com\/wp-content\/uploads\/2025\/08\/Capture-decran-le-2025-08-28-a-12.02.24.jpg?fit=1306%2C866&amp;ssl=1\" data-orig-size=\"1306,866\" data-comments-opened=\"1\" data-image-meta=\"{&quot;aperture&quot;:&quot;0&quot;,&quot;credit&quot;:&quot;&quot;,&quot;camera&quot;:&quot;&quot;,&quot;caption&quot;:&quot;&quot;,&quot;created_timestamp&quot;:&quot;0&quot;,&quot;copyright&quot;:&quot;&quot;,&quot;focal_length&quot;:&quot;0&quot;,&quot;iso&quot;:&quot;0&quot;,&quot;shutter_speed&quot;:&quot;0&quot;,&quot;title&quot;:&quot;&quot;,&quot;orientation&quot;:&quot;0&quot;}\" data-image-title=\"Capture d\u2019e\u0301cran, le 2025-08-28 a\u0300 12.02.24\" data-image-description=\"\" data-image-caption=\"\" data-large-file=\"https:\/\/i0.wp.com\/itayachtscanada.com\/wp-content\/uploads\/2025\/08\/Capture-decran-le-2025-08-28-a-12.02.24.jpg?fit=700%2C464&amp;ssl=1\" \/><\/a>\n\t\t\t<\/div><\/figure><figure class='gallery-item'>\n\t\t\t<div class='gallery-icon landscape'>\n\t\t\t\t<a href='https:\/\/itayachtscanada.com\/fr\/listing\/absolute-navetta-58-2022-1985000-usd-for-sale\/capture-decran-le-2025-08-28-a-12-02-06\/'><img loading=\"lazy\" decoding=\"async\" width=\"300\" height=\"199\" src=\"https:\/\/i0.wp.com\/itayachtscanada.com\/wp-content\/uploads\/2025\/08\/Capture-decran-le-2025-08-28-a-12.02.06.jpg?fit=300%2C199&amp;ssl=1\" class=\"attachment-medium size-medium\" alt=\"\" srcset=\"https:\/\/i0.wp.com\/itayachtscanada.com\/wp-content\/uploads\/2025\/08\/Capture-decran-le-2025-08-28-a-12.02.06.jpg?w=1306&amp;ssl=1 1306w, https:\/\/i0.wp.com\/itayachtscanada.com\/wp-content\/uploads\/2025\/08\/Capture-decran-le-2025-08-28-a-12.02.06.jpg?resize=300%2C199&amp;ssl=1 300w, https:\/\/i0.wp.com\/itayachtscanada.com\/wp-content\/uploads\/2025\/08\/Capture-decran-le-2025-08-28-a-12.02.06.jpg?resize=1024%2C679&amp;ssl=1 1024w, https:\/\/i0.wp.com\/itayachtscanada.com\/wp-content\/uploads\/2025\/08\/Capture-decran-le-2025-08-28-a-12.02.06.jpg?resize=768%2C509&amp;ssl=1 768w, https:\/\/i0.wp.com\/itayachtscanada.com\/wp-content\/uploads\/2025\/08\/Capture-decran-le-2025-08-28-a-12.02.06.jpg?resize=700%2C464&amp;ssl=1 700w, https:\/\/i0.wp.com\/itayachtscanada.com\/wp-content\/uploads\/2025\/08\/Capture-decran-le-2025-08-28-a-12.02.06.jpg?resize=900%2C600&amp;ssl=1 900w, https:\/\/i0.wp.com\/itayachtscanada.com\/wp-content\/uploads\/2025\/08\/Capture-decran-le-2025-08-28-a-12.02.06.jpg?resize=603%2C400&amp;ssl=1 603w\" sizes=\"auto, (max-width: 300px) 100vw, 300px\" data-attachment-id=\"288879\" data-permalink=\"https:\/\/itayachtscanada.com\/fr\/listing\/absolute-navetta-58-2022-1985000-usd-for-sale\/capture-decran-le-2025-08-28-a-12-02-06\/\" data-orig-file=\"https:\/\/i0.wp.com\/itayachtscanada.com\/wp-content\/uploads\/2025\/08\/Capture-decran-le-2025-08-28-a-12.02.06.jpg?fit=1306%2C866&amp;ssl=1\" data-orig-size=\"1306,866\" data-comments-opened=\"1\" data-image-meta=\"{&quot;aperture&quot;:&quot;0&quot;,&quot;credit&quot;:&quot;&quot;,&quot;camera&quot;:&quot;&quot;,&quot;caption&quot;:&quot;&quot;,&quot;created_timestamp&quot;:&quot;0&quot;,&quot;copyright&quot;:&quot;&quot;,&quot;focal_length&quot;:&quot;0&quot;,&quot;iso&quot;:&quot;0&quot;,&quot;shutter_speed&quot;:&quot;0&quot;,&quot;title&quot;:&quot;&quot;,&quot;orientation&quot;:&quot;0&quot;}\" data-image-title=\"Capture d\u2019e\u0301cran, le 2025-08-28 a\u0300 12.02.06\" data-image-description=\"\" data-image-caption=\"\" data-large-file=\"https:\/\/i0.wp.com\/itayachtscanada.com\/wp-content\/uploads\/2025\/08\/Capture-decran-le-2025-08-28-a-12.02.06.jpg?fit=700%2C464&amp;ssl=1\" \/><\/a>\n\t\t\t<\/div><\/figure><figure class='gallery-item'>\n\t\t\t<div class='gallery-icon landscape'>\n\t\t\t\t<a href='https:\/\/itayachtscanada.com\/fr\/listing\/absolute-navetta-58-2022-1985000-usd-for-sale\/capture-decran-le-2025-08-28-a-12-02-02\/'><img loading=\"lazy\" decoding=\"async\" width=\"300\" height=\"199\" src=\"https:\/\/i0.wp.com\/itayachtscanada.com\/wp-content\/uploads\/2025\/08\/Capture-decran-le-2025-08-28-a-12.02.02.jpg?fit=300%2C199&amp;ssl=1\" class=\"attachment-medium size-medium\" alt=\"\" srcset=\"https:\/\/i0.wp.com\/itayachtscanada.com\/wp-content\/uploads\/2025\/08\/Capture-decran-le-2025-08-28-a-12.02.02.jpg?w=1306&amp;ssl=1 1306w, https:\/\/i0.wp.com\/itayachtscanada.com\/wp-content\/uploads\/2025\/08\/Capture-decran-le-2025-08-28-a-12.02.02.jpg?resize=300%2C199&amp;ssl=1 300w, https:\/\/i0.wp.com\/itayachtscanada.com\/wp-content\/uploads\/2025\/08\/Capture-decran-le-2025-08-28-a-12.02.02.jpg?resize=1024%2C679&amp;ssl=1 1024w, https:\/\/i0.wp.com\/itayachtscanada.com\/wp-content\/uploads\/2025\/08\/Capture-decran-le-2025-08-28-a-12.02.02.jpg?resize=768%2C509&amp;ssl=1 768w, https:\/\/i0.wp.com\/itayachtscanada.com\/wp-content\/uploads\/2025\/08\/Capture-decran-le-2025-08-28-a-12.02.02.jpg?resize=700%2C464&amp;ssl=1 700w, https:\/\/i0.wp.com\/itayachtscanada.com\/wp-content\/uploads\/2025\/08\/Capture-decran-le-2025-08-28-a-12.02.02.jpg?resize=900%2C600&amp;ssl=1 900w, https:\/\/i0.wp.com\/itayachtscanada.com\/wp-content\/uploads\/2025\/08\/Capture-decran-le-2025-08-28-a-12.02.02.jpg?resize=603%2C400&amp;ssl=1 603w\" sizes=\"auto, (max-width: 300px) 100vw, 300px\" data-attachment-id=\"288880\" data-permalink=\"https:\/\/itayachtscanada.com\/fr\/listing\/absolute-navetta-58-2022-1985000-usd-for-sale\/capture-decran-le-2025-08-28-a-12-02-02\/\" data-orig-file=\"https:\/\/i0.wp.com\/itayachtscanada.com\/wp-content\/uploads\/2025\/08\/Capture-decran-le-2025-08-28-a-12.02.02.jpg?fit=1306%2C866&amp;ssl=1\" data-orig-size=\"1306,866\" data-comments-opened=\"1\" data-image-meta=\"{&quot;aperture&quot;:&quot;0&quot;,&quot;credit&quot;:&quot;&quot;,&quot;camera&quot;:&quot;&quot;,&quot;caption&quot;:&quot;&quot;,&quot;created_timestamp&quot;:&quot;0&quot;,&quot;copyright&quot;:&quot;&quot;,&quot;focal_length&quot;:&quot;0&quot;,&quot;iso&quot;:&quot;0&quot;,&quot;shutter_speed&quot;:&quot;0&quot;,&quot;title&quot;:&quot;&quot;,&quot;orientation&quot;:&quot;0&quot;}\" data-image-title=\"Capture d\u2019e\u0301cran, le 2025-08-28 a\u0300 12.02.02\" data-image-description=\"\" data-image-caption=\"\" data-large-file=\"https:\/\/i0.wp.com\/itayachtscanada.com\/wp-content\/uploads\/2025\/08\/Capture-decran-le-2025-08-28-a-12.02.02.jpg?fit=700%2C464&amp;ssl=1\" \/><\/a>\n\t\t\t<\/div><\/figure><figure class='gallery-item'>\n\t\t\t<div class='gallery-icon landscape'>\n\t\t\t\t<a href='https:\/\/itayachtscanada.com\/fr\/listing\/absolute-navetta-58-2022-1985000-usd-for-sale\/capture-decran-le-2025-08-28-a-12-01-59\/'><img loading=\"lazy\" decoding=\"async\" width=\"300\" height=\"199\" src=\"https:\/\/i0.wp.com\/itayachtscanada.com\/wp-content\/uploads\/2025\/08\/Capture-decran-le-2025-08-28-a-12.01.59.jpg?fit=300%2C199&amp;ssl=1\" class=\"attachment-medium size-medium\" alt=\"\" srcset=\"https:\/\/i0.wp.com\/itayachtscanada.com\/wp-content\/uploads\/2025\/08\/Capture-decran-le-2025-08-28-a-12.01.59.jpg?w=1306&amp;ssl=1 1306w, https:\/\/i0.wp.com\/itayachtscanada.com\/wp-content\/uploads\/2025\/08\/Capture-decran-le-2025-08-28-a-12.01.59.jpg?resize=300%2C199&amp;ssl=1 300w, https:\/\/i0.wp.com\/itayachtscanada.com\/wp-content\/uploads\/2025\/08\/Capture-decran-le-2025-08-28-a-12.01.59.jpg?resize=1024%2C679&amp;ssl=1 1024w, https:\/\/i0.wp.com\/itayachtscanada.com\/wp-content\/uploads\/2025\/08\/Capture-decran-le-2025-08-28-a-12.01.59.jpg?resize=768%2C509&amp;ssl=1 768w, https:\/\/i0.wp.com\/itayachtscanada.com\/wp-content\/uploads\/2025\/08\/Capture-decran-le-2025-08-28-a-12.01.59.jpg?resize=700%2C464&amp;ssl=1 700w, https:\/\/i0.wp.com\/itayachtscanada.com\/wp-content\/uploads\/2025\/08\/Capture-decran-le-2025-08-28-a-12.01.59.jpg?resize=900%2C600&amp;ssl=1 900w, https:\/\/i0.wp.com\/itayachtscanada.com\/wp-content\/uploads\/2025\/08\/Capture-decran-le-2025-08-28-a-12.01.59.jpg?resize=603%2C400&amp;ssl=1 603w\" sizes=\"auto, (max-width: 300px) 100vw, 300px\" data-attachment-id=\"288881\" data-permalink=\"https:\/\/itayachtscanada.com\/fr\/listing\/absolute-navetta-58-2022-1985000-usd-for-sale\/capture-decran-le-2025-08-28-a-12-01-59\/\" data-orig-file=\"https:\/\/i0.wp.com\/itayachtscanada.com\/wp-content\/uploads\/2025\/08\/Capture-decran-le-2025-08-28-a-12.01.59.jpg?fit=1306%2C866&amp;ssl=1\" data-orig-size=\"1306,866\" data-comments-opened=\"1\" data-image-meta=\"{&quot;aperture&quot;:&quot;0&quot;,&quot;credit&quot;:&quot;&quot;,&quot;camera&quot;:&quot;&quot;,&quot;caption&quot;:&quot;&quot;,&quot;created_timestamp&quot;:&quot;0&quot;,&quot;copyright&quot;:&quot;&quot;,&quot;focal_length&quot;:&quot;0&quot;,&quot;iso&quot;:&quot;0&quot;,&quot;shutter_speed&quot;:&quot;0&quot;,&quot;title&quot;:&quot;&quot;,&quot;orientation&quot;:&quot;0&quot;}\" data-image-title=\"Capture d\u2019e\u0301cran, le 2025-08-28 a\u0300 12.01.59\" data-image-description=\"\" data-image-caption=\"\" data-large-file=\"https:\/\/i0.wp.com\/itayachtscanada.com\/wp-content\/uploads\/2025\/08\/Capture-decran-le-2025-08-28-a-12.01.59.jpg?fit=700%2C464&amp;ssl=1\" \/><\/a>\n\t\t\t<\/div><\/figure><figure class='gallery-item'>\n\t\t\t<div class='gallery-icon landscape'>\n\t\t\t\t<a href='https:\/\/itayachtscanada.com\/fr\/listing\/absolute-navetta-58-2022-1985000-usd-for-sale\/capture-decran-le-2025-08-28-a-12-01-55\/'><img loading=\"lazy\" decoding=\"async\" width=\"300\" height=\"199\" src=\"https:\/\/i0.wp.com\/itayachtscanada.com\/wp-content\/uploads\/2025\/08\/Capture-decran-le-2025-08-28-a-12.01.55.jpg?fit=300%2C199&amp;ssl=1\" class=\"attachment-medium size-medium\" alt=\"\" srcset=\"https:\/\/i0.wp.com\/itayachtscanada.com\/wp-content\/uploads\/2025\/08\/Capture-decran-le-2025-08-28-a-12.01.55.jpg?w=1306&amp;ssl=1 1306w, https:\/\/i0.wp.com\/itayachtscanada.com\/wp-content\/uploads\/2025\/08\/Capture-decran-le-2025-08-28-a-12.01.55.jpg?resize=300%2C199&amp;ssl=1 300w, https:\/\/i0.wp.com\/itayachtscanada.com\/wp-content\/uploads\/2025\/08\/Capture-decran-le-2025-08-28-a-12.01.55.jpg?resize=1024%2C679&amp;ssl=1 1024w, https:\/\/i0.wp.com\/itayachtscanada.com\/wp-content\/uploads\/2025\/08\/Capture-decran-le-2025-08-28-a-12.01.55.jpg?resize=768%2C509&amp;ssl=1 768w, https:\/\/i0.wp.com\/itayachtscanada.com\/wp-content\/uploads\/2025\/08\/Capture-decran-le-2025-08-28-a-12.01.55.jpg?resize=700%2C464&amp;ssl=1 700w, https:\/\/i0.wp.com\/itayachtscanada.com\/wp-content\/uploads\/2025\/08\/Capture-decran-le-2025-08-28-a-12.01.55.jpg?resize=900%2C600&amp;ssl=1 900w, https:\/\/i0.wp.com\/itayachtscanada.com\/wp-content\/uploads\/2025\/08\/Capture-decran-le-2025-08-28-a-12.01.55.jpg?resize=603%2C400&amp;ssl=1 603w\" sizes=\"auto, (max-width: 300px) 100vw, 300px\" data-attachment-id=\"288882\" data-permalink=\"https:\/\/itayachtscanada.com\/fr\/listing\/absolute-navetta-58-2022-1985000-usd-for-sale\/capture-decran-le-2025-08-28-a-12-01-55\/\" data-orig-file=\"https:\/\/i0.wp.com\/itayachtscanada.com\/wp-content\/uploads\/2025\/08\/Capture-decran-le-2025-08-28-a-12.01.55.jpg?fit=1306%2C866&amp;ssl=1\" data-orig-size=\"1306,866\" data-comments-opened=\"1\" data-image-meta=\"{&quot;aperture&quot;:&quot;0&quot;,&quot;credit&quot;:&quot;&quot;,&quot;camera&quot;:&quot;&quot;,&quot;caption&quot;:&quot;&quot;,&quot;created_timestamp&quot;:&quot;0&quot;,&quot;copyright&quot;:&quot;&quot;,&quot;focal_length&quot;:&quot;0&quot;,&quot;iso&quot;:&quot;0&quot;,&quot;shutter_speed&quot;:&quot;0&quot;,&quot;title&quot;:&quot;&quot;,&quot;orientation&quot;:&quot;0&quot;}\" data-image-title=\"Capture d\u2019e\u0301cran, le 2025-08-28 a\u0300 12.01.55\" data-image-description=\"\" data-image-caption=\"\" data-large-file=\"https:\/\/i0.wp.com\/itayachtscanada.com\/wp-content\/uploads\/2025\/08\/Capture-decran-le-2025-08-28-a-12.01.55.jpg?fit=700%2C464&amp;ssl=1\" \/><\/a>\n\t\t\t<\/div><\/figure><figure class='gallery-item'>\n\t\t\t<div class='gallery-icon landscape'>\n\t\t\t\t<a href='https:\/\/itayachtscanada.com\/fr\/listing\/absolute-navetta-58-2022-1985000-usd-for-sale\/capture-decran-le-2025-08-28-a-12-01-49\/'><img loading=\"lazy\" decoding=\"async\" width=\"300\" height=\"199\" src=\"https:\/\/i0.wp.com\/itayachtscanada.com\/wp-content\/uploads\/2025\/08\/Capture-decran-le-2025-08-28-a-12.01.49.jpg?fit=300%2C199&amp;ssl=1\" class=\"attachment-medium size-medium\" alt=\"\" srcset=\"https:\/\/i0.wp.com\/itayachtscanada.com\/wp-content\/uploads\/2025\/08\/Capture-decran-le-2025-08-28-a-12.01.49.jpg?w=1306&amp;ssl=1 1306w, https:\/\/i0.wp.com\/itayachtscanada.com\/wp-content\/uploads\/2025\/08\/Capture-decran-le-2025-08-28-a-12.01.49.jpg?resize=300%2C199&amp;ssl=1 300w, https:\/\/i0.wp.com\/itayachtscanada.com\/wp-content\/uploads\/2025\/08\/Capture-decran-le-2025-08-28-a-12.01.49.jpg?resize=1024%2C679&amp;ssl=1 1024w, https:\/\/i0.wp.com\/itayachtscanada.com\/wp-content\/uploads\/2025\/08\/Capture-decran-le-2025-08-28-a-12.01.49.jpg?resize=768%2C509&amp;ssl=1 768w, https:\/\/i0.wp.com\/itayachtscanada.com\/wp-content\/uploads\/2025\/08\/Capture-decran-le-2025-08-28-a-12.01.49.jpg?resize=700%2C464&amp;ssl=1 700w, https:\/\/i0.wp.com\/itayachtscanada.com\/wp-content\/uploads\/2025\/08\/Capture-decran-le-2025-08-28-a-12.01.49.jpg?resize=900%2C600&amp;ssl=1 900w, https:\/\/i0.wp.com\/itayachtscanada.com\/wp-content\/uploads\/2025\/08\/Capture-decran-le-2025-08-28-a-12.01.49.jpg?resize=603%2C400&amp;ssl=1 603w\" sizes=\"auto, (max-width: 300px) 100vw, 300px\" data-attachment-id=\"288883\" data-permalink=\"https:\/\/itayachtscanada.com\/fr\/listing\/absolute-navetta-58-2022-1985000-usd-for-sale\/capture-decran-le-2025-08-28-a-12-01-49\/\" data-orig-file=\"https:\/\/i0.wp.com\/itayachtscanada.com\/wp-content\/uploads\/2025\/08\/Capture-decran-le-2025-08-28-a-12.01.49.jpg?fit=1306%2C866&amp;ssl=1\" data-orig-size=\"1306,866\" data-comments-opened=\"1\" data-image-meta=\"{&quot;aperture&quot;:&quot;0&quot;,&quot;credit&quot;:&quot;&quot;,&quot;camera&quot;:&quot;&quot;,&quot;caption&quot;:&quot;&quot;,&quot;created_timestamp&quot;:&quot;0&quot;,&quot;copyright&quot;:&quot;&quot;,&quot;focal_length&quot;:&quot;0&quot;,&quot;iso&quot;:&quot;0&quot;,&quot;shutter_speed&quot;:&quot;0&quot;,&quot;title&quot;:&quot;&quot;,&quot;orientation&quot;:&quot;0&quot;}\" data-image-title=\"Capture d\u2019e\u0301cran, le 2025-08-28 a\u0300 12.01.49\" data-image-description=\"\" data-image-caption=\"\" data-large-file=\"https:\/\/i0.wp.com\/itayachtscanada.com\/wp-content\/uploads\/2025\/08\/Capture-decran-le-2025-08-28-a-12.01.49.jpg?fit=700%2C464&amp;ssl=1\" \/><\/a>\n\t\t\t<\/div><\/figure><figure class='gallery-item'>\n\t\t\t<div class='gallery-icon landscape'>\n\t\t\t\t<a href='https:\/\/itayachtscanada.com\/fr\/listing\/absolute-navetta-58-2022-1985000-usd-for-sale\/capture-decran-le-2025-08-28-a-12-01-45\/'><img loading=\"lazy\" decoding=\"async\" width=\"300\" height=\"199\" src=\"https:\/\/i0.wp.com\/itayachtscanada.com\/wp-content\/uploads\/2025\/08\/Capture-decran-le-2025-08-28-a-12.01.45.jpg?fit=300%2C199&amp;ssl=1\" class=\"attachment-medium size-medium\" alt=\"\" srcset=\"https:\/\/i0.wp.com\/itayachtscanada.com\/wp-content\/uploads\/2025\/08\/Capture-decran-le-2025-08-28-a-12.01.45.jpg?w=1306&amp;ssl=1 1306w, https:\/\/i0.wp.com\/itayachtscanada.com\/wp-content\/uploads\/2025\/08\/Capture-decran-le-2025-08-28-a-12.01.45.jpg?resize=300%2C199&amp;ssl=1 300w, https:\/\/i0.wp.com\/itayachtscanada.com\/wp-content\/uploads\/2025\/08\/Capture-decran-le-2025-08-28-a-12.01.45.jpg?resize=1024%2C679&amp;ssl=1 1024w, https:\/\/i0.wp.com\/itayachtscanada.com\/wp-content\/uploads\/2025\/08\/Capture-decran-le-2025-08-28-a-12.01.45.jpg?resize=768%2C509&amp;ssl=1 768w, https:\/\/i0.wp.com\/itayachtscanada.com\/wp-content\/uploads\/2025\/08\/Capture-decran-le-2025-08-28-a-12.01.45.jpg?resize=700%2C464&amp;ssl=1 700w, https:\/\/i0.wp.com\/itayachtscanada.com\/wp-content\/uploads\/2025\/08\/Capture-decran-le-2025-08-28-a-12.01.45.jpg?resize=900%2C600&amp;ssl=1 900w, https:\/\/i0.wp.com\/itayachtscanada.com\/wp-content\/uploads\/2025\/08\/Capture-decran-le-2025-08-28-a-12.01.45.jpg?resize=603%2C400&amp;ssl=1 603w\" sizes=\"auto, (max-width: 300px) 100vw, 300px\" data-attachment-id=\"288884\" data-permalink=\"https:\/\/itayachtscanada.com\/fr\/listing\/absolute-navetta-58-2022-1985000-usd-for-sale\/capture-decran-le-2025-08-28-a-12-01-45\/\" data-orig-file=\"https:\/\/i0.wp.com\/itayachtscanada.com\/wp-content\/uploads\/2025\/08\/Capture-decran-le-2025-08-28-a-12.01.45.jpg?fit=1306%2C866&amp;ssl=1\" data-orig-size=\"1306,866\" data-comments-opened=\"1\" data-image-meta=\"{&quot;aperture&quot;:&quot;0&quot;,&quot;credit&quot;:&quot;&quot;,&quot;camera&quot;:&quot;&quot;,&quot;caption&quot;:&quot;&quot;,&quot;created_timestamp&quot;:&quot;0&quot;,&quot;copyright&quot;:&quot;&quot;,&quot;focal_length&quot;:&quot;0&quot;,&quot;iso&quot;:&quot;0&quot;,&quot;shutter_speed&quot;:&quot;0&quot;,&quot;title&quot;:&quot;&quot;,&quot;orientation&quot;:&quot;0&quot;}\" data-image-title=\"Capture d\u2019e\u0301cran, le 2025-08-28 a\u0300 12.01.45\" data-image-description=\"\" data-image-caption=\"\" data-large-file=\"https:\/\/i0.wp.com\/itayachtscanada.com\/wp-content\/uploads\/2025\/08\/Capture-decran-le-2025-08-28-a-12.01.45.jpg?fit=700%2C464&amp;ssl=1\" \/><\/a>\n\t\t\t<\/div><\/figure><figure class='gallery-item'>\n\t\t\t<div class='gallery-icon landscape'>\n\t\t\t\t<a href='https:\/\/itayachtscanada.com\/fr\/listing\/absolute-navetta-58-2022-1985000-usd-for-sale\/capture-decran-le-2025-08-28-a-12-01-38\/'><img loading=\"lazy\" decoding=\"async\" width=\"300\" height=\"199\" src=\"https:\/\/i0.wp.com\/itayachtscanada.com\/wp-content\/uploads\/2025\/08\/Capture-decran-le-2025-08-28-a-12.01.38.jpg?fit=300%2C199&amp;ssl=1\" class=\"attachment-medium size-medium\" alt=\"\" srcset=\"https:\/\/i0.wp.com\/itayachtscanada.com\/wp-content\/uploads\/2025\/08\/Capture-decran-le-2025-08-28-a-12.01.38.jpg?w=1306&amp;ssl=1 1306w, https:\/\/i0.wp.com\/itayachtscanada.com\/wp-content\/uploads\/2025\/08\/Capture-decran-le-2025-08-28-a-12.01.38.jpg?resize=300%2C199&amp;ssl=1 300w, https:\/\/i0.wp.com\/itayachtscanada.com\/wp-content\/uploads\/2025\/08\/Capture-decran-le-2025-08-28-a-12.01.38.jpg?resize=1024%2C679&amp;ssl=1 1024w, https:\/\/i0.wp.com\/itayachtscanada.com\/wp-content\/uploads\/2025\/08\/Capture-decran-le-2025-08-28-a-12.01.38.jpg?resize=768%2C509&amp;ssl=1 768w, https:\/\/i0.wp.com\/itayachtscanada.com\/wp-content\/uploads\/2025\/08\/Capture-decran-le-2025-08-28-a-12.01.38.jpg?resize=700%2C464&amp;ssl=1 700w, https:\/\/i0.wp.com\/itayachtscanada.com\/wp-content\/uploads\/2025\/08\/Capture-decran-le-2025-08-28-a-12.01.38.jpg?resize=900%2C600&amp;ssl=1 900w, https:\/\/i0.wp.com\/itayachtscanada.com\/wp-content\/uploads\/2025\/08\/Capture-decran-le-2025-08-28-a-12.01.38.jpg?resize=603%2C400&amp;ssl=1 603w\" sizes=\"auto, (max-width: 300px) 100vw, 300px\" data-attachment-id=\"288885\" data-permalink=\"https:\/\/itayachtscanada.com\/fr\/listing\/absolute-navetta-58-2022-1985000-usd-for-sale\/capture-decran-le-2025-08-28-a-12-01-38\/\" data-orig-file=\"https:\/\/i0.wp.com\/itayachtscanada.com\/wp-content\/uploads\/2025\/08\/Capture-decran-le-2025-08-28-a-12.01.38.jpg?fit=1306%2C866&amp;ssl=1\" data-orig-size=\"1306,866\" data-comments-opened=\"1\" data-image-meta=\"{&quot;aperture&quot;:&quot;0&quot;,&quot;credit&quot;:&quot;&quot;,&quot;camera&quot;:&quot;&quot;,&quot;caption&quot;:&quot;&quot;,&quot;created_timestamp&quot;:&quot;0&quot;,&quot;copyright&quot;:&quot;&quot;,&quot;focal_length&quot;:&quot;0&quot;,&quot;iso&quot;:&quot;0&quot;,&quot;shutter_speed&quot;:&quot;0&quot;,&quot;title&quot;:&quot;&quot;,&quot;orientation&quot;:&quot;0&quot;}\" data-image-title=\"Capture d\u2019e\u0301cran, le 2025-08-28 a\u0300 12.01.38\" data-image-description=\"\" data-image-caption=\"\" data-large-file=\"https:\/\/i0.wp.com\/itayachtscanada.com\/wp-content\/uploads\/2025\/08\/Capture-decran-le-2025-08-28-a-12.01.38.jpg?fit=700%2C464&amp;ssl=1\" \/><\/a>\n\t\t\t<\/div><\/figure><figure class='gallery-item'>\n\t\t\t<div class='gallery-icon landscape'>\n\t\t\t\t<a href='https:\/\/itayachtscanada.com\/fr\/listing\/absolute-navetta-58-2022-1985000-usd-for-sale\/capture-decran-le-2025-08-28-a-12-01-29\/'><img loading=\"lazy\" decoding=\"async\" width=\"300\" height=\"199\" src=\"https:\/\/i0.wp.com\/itayachtscanada.com\/wp-content\/uploads\/2025\/08\/Capture-decran-le-2025-08-28-a-12.01.29.jpg?fit=300%2C199&amp;ssl=1\" class=\"attachment-medium size-medium\" alt=\"\" srcset=\"https:\/\/i0.wp.com\/itayachtscanada.com\/wp-content\/uploads\/2025\/08\/Capture-decran-le-2025-08-28-a-12.01.29.jpg?w=1306&amp;ssl=1 1306w, https:\/\/i0.wp.com\/itayachtscanada.com\/wp-content\/uploads\/2025\/08\/Capture-decran-le-2025-08-28-a-12.01.29.jpg?resize=300%2C199&amp;ssl=1 300w, https:\/\/i0.wp.com\/itayachtscanada.com\/wp-content\/uploads\/2025\/08\/Capture-decran-le-2025-08-28-a-12.01.29.jpg?resize=1024%2C679&amp;ssl=1 1024w, https:\/\/i0.wp.com\/itayachtscanada.com\/wp-content\/uploads\/2025\/08\/Capture-decran-le-2025-08-28-a-12.01.29.jpg?resize=768%2C509&amp;ssl=1 768w, https:\/\/i0.wp.com\/itayachtscanada.com\/wp-content\/uploads\/2025\/08\/Capture-decran-le-2025-08-28-a-12.01.29.jpg?resize=700%2C464&amp;ssl=1 700w, https:\/\/i0.wp.com\/itayachtscanada.com\/wp-content\/uploads\/2025\/08\/Capture-decran-le-2025-08-28-a-12.01.29.jpg?resize=900%2C600&amp;ssl=1 900w, https:\/\/i0.wp.com\/itayachtscanada.com\/wp-content\/uploads\/2025\/08\/Capture-decran-le-2025-08-28-a-12.01.29.jpg?resize=603%2C400&amp;ssl=1 603w\" sizes=\"auto, (max-width: 300px) 100vw, 300px\" data-attachment-id=\"288886\" data-permalink=\"https:\/\/itayachtscanada.com\/fr\/listing\/absolute-navetta-58-2022-1985000-usd-for-sale\/capture-decran-le-2025-08-28-a-12-01-29\/\" data-orig-file=\"https:\/\/i0.wp.com\/itayachtscanada.com\/wp-content\/uploads\/2025\/08\/Capture-decran-le-2025-08-28-a-12.01.29.jpg?fit=1306%2C866&amp;ssl=1\" data-orig-size=\"1306,866\" data-comments-opened=\"1\" data-image-meta=\"{&quot;aperture&quot;:&quot;0&quot;,&quot;credit&quot;:&quot;&quot;,&quot;camera&quot;:&quot;&quot;,&quot;caption&quot;:&quot;&quot;,&quot;created_timestamp&quot;:&quot;0&quot;,&quot;copyright&quot;:&quot;&quot;,&quot;focal_length&quot;:&quot;0&quot;,&quot;iso&quot;:&quot;0&quot;,&quot;shutter_speed&quot;:&quot;0&quot;,&quot;title&quot;:&quot;&quot;,&quot;orientation&quot;:&quot;0&quot;}\" data-image-title=\"Capture d\u2019e\u0301cran, le 2025-08-28 a\u0300 12.01.29\" data-image-description=\"\" data-image-caption=\"\" data-large-file=\"https:\/\/i0.wp.com\/itayachtscanada.com\/wp-content\/uploads\/2025\/08\/Capture-decran-le-2025-08-28-a-12.01.29.jpg?fit=700%2C464&amp;ssl=1\" \/><\/a>\n\t\t\t<\/div><\/figure><figure class='gallery-item'>\n\t\t\t<div class='gallery-icon portrait'>\n\t\t\t\t<a href='https:\/\/itayachtscanada.com\/fr\/listing\/absolute-navetta-58-2022-1985000-usd-for-sale\/layout-absolute-navetta-58\/'><img loading=\"lazy\" decoding=\"async\" width=\"284\" height=\"300\" src=\"https:\/\/i0.wp.com\/itayachtscanada.com\/wp-content\/uploads\/2025\/08\/Layout-Absolute-Navetta-58.jpg?fit=284%2C300&amp;ssl=1\" class=\"attachment-medium size-medium\" alt=\"\" srcset=\"https:\/\/i0.wp.com\/itayachtscanada.com\/wp-content\/uploads\/2025\/08\/Layout-Absolute-Navetta-58.jpg?w=1086&amp;ssl=1 1086w, https:\/\/i0.wp.com\/itayachtscanada.com\/wp-content\/uploads\/2025\/08\/Layout-Absolute-Navetta-58.jpg?resize=284%2C300&amp;ssl=1 284w, https:\/\/i0.wp.com\/itayachtscanada.com\/wp-content\/uploads\/2025\/08\/Layout-Absolute-Navetta-58.jpg?resize=970%2C1024&amp;ssl=1 970w, https:\/\/i0.wp.com\/itayachtscanada.com\/wp-content\/uploads\/2025\/08\/Layout-Absolute-Navetta-58.jpg?resize=768%2C810&amp;ssl=1 768w, https:\/\/i0.wp.com\/itayachtscanada.com\/wp-content\/uploads\/2025\/08\/Layout-Absolute-Navetta-58.jpg?resize=700%2C739&amp;ssl=1 700w, https:\/\/i0.wp.com\/itayachtscanada.com\/wp-content\/uploads\/2025\/08\/Layout-Absolute-Navetta-58.jpg?resize=379%2C400&amp;ssl=1 379w\" sizes=\"auto, (max-width: 284px) 100vw, 284px\" data-attachment-id=\"288887\" data-permalink=\"https:\/\/itayachtscanada.com\/fr\/listing\/absolute-navetta-58-2022-1985000-usd-for-sale\/layout-absolute-navetta-58\/\" data-orig-file=\"https:\/\/i0.wp.com\/itayachtscanada.com\/wp-content\/uploads\/2025\/08\/Layout-Absolute-Navetta-58.jpg?fit=1086%2C1146&amp;ssl=1\" data-orig-size=\"1086,1146\" data-comments-opened=\"1\" data-image-meta=\"{&quot;aperture&quot;:&quot;0&quot;,&quot;credit&quot;:&quot;&quot;,&quot;camera&quot;:&quot;&quot;,&quot;caption&quot;:&quot;&quot;,&quot;created_timestamp&quot;:&quot;0&quot;,&quot;copyright&quot;:&quot;&quot;,&quot;focal_length&quot;:&quot;0&quot;,&quot;iso&quot;:&quot;0&quot;,&quot;shutter_speed&quot;:&quot;0&quot;,&quot;title&quot;:&quot;&quot;,&quot;orientation&quot;:&quot;0&quot;}\" data-image-title=\"Layout Absolute Navetta 58\" data-image-description=\"\" data-image-caption=\"\" data-large-file=\"https:\/\/i0.wp.com\/itayachtscanada.com\/wp-content\/uploads\/2025\/08\/Layout-Absolute-Navetta-58.jpg?fit=700%2C739&amp;ssl=1\" \/><\/a>\n\t\t\t<\/div><\/figure>\n\t\t<\/div>\n\n<div class=\"jetpack-video-wrapper\"><span class=\"embed-youtube\" style=\"text-align:center; display: block;\"><iframe loading=\"lazy\" class=\"youtube-player\" width=\"700\" height=\"394\" src=\"https:\/\/www.youtube.com\/embed\/Yb7dh-mVfCU?version=3&#038;rel=1&#038;showsearch=0&#038;showinfo=1&#038;iv_load_policy=1&#038;fs=1&#038;hl=fr-FR&#038;autohide=2&#038;wmode=transparent\" allowfullscreen=\"true\" style=\"border:0;\" sandbox=\"allow-scripts allow-same-origin allow-popups allow-presentation allow-popups-to-escape-sandbox\"><\/iframe><\/span><\/div>\n<div class=\"jetpack-video-wrapper\"><span class=\"embed-youtube\" style=\"text-align:center; display: block;\"><iframe loading=\"lazy\" class=\"youtube-player\" width=\"700\" height=\"394\" src=\"https:\/\/www.youtube.com\/embed\/u3aWZ2G8sA4?version=3&#038;rel=1&#038;showsearch=0&#038;showinfo=1&#038;iv_load_policy=1&#038;fs=1&#038;hl=fr-FR&#038;autohide=2&#038;wmode=transparent\" allowfullscreen=\"true\" style=\"border:0;\" sandbox=\"allow-scripts allow-same-origin allow-popups allow-presentation allow-popups-to-escape-sandbox\"><\/iframe><\/span><\/div>\n<div class=\"jetpack-video-wrapper\"><span class=\"embed-youtube\" style=\"text-align:center; display: block;\"><iframe loading=\"lazy\" class=\"youtube-player\" width=\"700\" height=\"394\" src=\"https:\/\/www.youtube.com\/embed\/tMcPAh5jxtM?version=3&#038;rel=1&#038;showsearch=0&#038;showinfo=1&#038;iv_load_policy=1&#038;fs=1&#038;hl=fr-FR&#038;autohide=2&#038;wmode=transparent\" allowfullscreen=\"true\" style=\"border:0;\" sandbox=\"allow-scripts allow-same-origin allow-popups allow-presentation allow-popups-to-escape-sandbox\"><\/iframe><\/span><\/div>\n<p><strong>\u00a0<\/strong><\/p>\n<p>&nbsp;<\/p>\n<p><strong>Ita Yachts Canada propose de vous assister et de voir \u00e0 vos int\u00e9r\u00eats pour l\u2019achat de ce yacht qui est \u00e0 vendre par une autre organisation. Nous serons pr\u00e9sents lors de l\u2019inspection et tout au long de la transaction et ce peu importe sa localisation. L\u2019\u00e9quipe d\u2019Ita Yachts Canada se soumet au plus haut standard d\u2019\u00e9thique.<\/strong><\/p>\n<p>Caract\u00e9ristiques standard<\/p>\n<p>Pont<\/p>\n<p>Garde-corps en acier inoxydable<br \/>\nCouvercle de protection de l&rsquo;\u00e9tambot<br \/>\n\u00c9quipement de pont en acier inoxydable<br \/>\nBollards arri\u00e8re (deux), au milieu du navire (deux) et taquets d&rsquo;\u00e9trave (deux) avec protection en acier inoxydable<br \/>\nBollards (deux) \u00e0 l&rsquo;arri\u00e8re pour les lignes de travers\u00e9e<br \/>\nBord\u00e9 sur\u00e9lev\u00e9 avec dessus en teck massif<br \/>\nPasserelles lat\u00e9rales recouvertes de teck massif<br \/>\nCompartiments de rangement dans les passerelles lat\u00e9rales<br \/>\nPasserelles lat\u00e9rales couvertes avec \u00e9clairage<br \/>\nMoustiquaires pour les fen\u00eatres avant et lat\u00e9rales<br \/>\nPont et rouf blancs<br \/>\nEssuie-glaces synchronis\u00e9s (trois) avec lave-glace<br \/>\nCoque de couleur blanche avec vitres teint\u00e9es fum\u00e9es<br \/>\nRavitaillement en carburant des deux c\u00f4t\u00e9s avec couvercle de protection en teck et bac de r\u00e9cup\u00e9ration pour \u00e9viter les d\u00e9versements accidentels<\/p>\n<p>Proue<\/p>\n<p>Large espace \u00e0 l&rsquo;avant pour l&rsquo;amarrage avec sol antid\u00e9rapant<br \/>\nZone avant avec bain de soleil avec dossiers r\u00e9glables, coussins en mousse \u00e9crue \u00e0 drainage rapide, porte-verres, compartiments de rangement et logement pour bou\u00e9e de sauvetage<br \/>\nCanap\u00e9 avec coussins en mousse \u00e9crue \u00e0 drainage rapide<br \/>\nHaut-parleurs avec t\u00e9l\u00e9commande fixe et r\u00e9glage local du volume pour le syst\u00e8me audio connect\u00e9 \u00e0 la radio du Flybridge<br \/>\nCompartiments de rangement pour les d\u00e9fenses<br \/>\nGuindeau avec ancre zingu\u00e9e de 30 kg (66 lb) et cha\u00eene de 75 m (246 ft)<br \/>\nGuindeau avec compteur de cha\u00eene<br \/>\nRouleau d&rsquo;ancre en acier inoxydable<br \/>\nCoffre \u00e0 cha\u00eene d&rsquo;ancre auto-videur avec trappe d&rsquo;inspection<br \/>\nGuidage avec protections en acier inoxydable pour les amarres<\/p>\n<p>Cockpit<\/p>\n<p>Canap\u00e9 avec coussins en mousse \u00e0 drainage rapide de couleur \u00e9cru.<br \/>\nBandes LED \u00e0 intensit\u00e9 variable le long du plafond.<br \/>\nHaut-parleurs avec t\u00e9l\u00e9commande fixe et r\u00e9glage local du volume pour le syst\u00e8me audio connect\u00e9 \u00e0 la radio du flybridge.<br \/>\nCompartiments de rangement pour les amarres.<br \/>\nCompartiment de rangement sous les escaliers.<br \/>\nPlafond en panneaux recouverts de microfibre de couleur \u00e9cru.<br \/>\nPlancher et marches en teck massif.<br \/>\n\u00c9clairage de courtoisie.<br \/>\nPortes d&rsquo;acc\u00e8s au cockpit en acier inoxydable et plexiglas fum\u00e9 (deux) avec logo<br \/>\nDouche avec eau chaude et froide<br \/>\nRaccordement direct \u00e0 l&rsquo;eau \u00e0 quai<br \/>\nPrise de quai, prot\u00e9g\u00e9e par la marche, avec c\u00e2ble d&rsquo;alimentation<\/p>\n<p>Flybridge<\/p>\n<p>Pare-brise a\u00e9rodynamique avec contour sup\u00e9rieur en acier inoxydable<br \/>\nCanap\u00e9s (deux) en mousse \u00e0 drainage rapide de couleur \u00e9cru sur les c\u00f4t\u00e9s du poste de pilotage avec dossier r\u00e9glable pour la fonction bain de soleil<br \/>\nCanap\u00e9 en U avec coussins de couleur \u00e9cru en mousse \u00e0 drainage rapide et table en teck synth\u00e9tique<br \/>\nBar avec \u00e9vier, r\u00e9frig\u00e9rateur, plan de travail en Corian et compartiments de rangement<br \/>\nZone arri\u00e8re pouvant \u00eatre \u00e9quip\u00e9e de chaises longues avec dossiers r\u00e9glables ou de modules TF Terrace Atmosphere (en option)<br \/>\nSol antid\u00e9rapant<br \/>\nEscalier avec structure en fibre de verre, marches en teck massif, main courante en acier inoxydable et \u00e9clairage de courtoisie<br \/>\nHaut-parleurs<br \/>\nCompartiments de rangement<br \/>\nCompartiment de rangement pour radeau de sauvetage<br \/>\nAcc\u00e8s au flybridge avec rambarde \u00e0 \u00e9coutille<br \/>\nRambarde du flybridge<\/p>\n<p>Panneau d&rsquo;instruments du pont principal<\/p>\n<p>Tableau de bord recouvert de cuir avec inserts en carbone<br \/>\n\u00c9cran GPS 12 pouces<br \/>\nPrise de diagnostic Volvo<br \/>\n\u00c9cran tactile Volvo EVC<br \/>\nLogiciel Volvo Package (r\u00e9gulateur de vitesse, ordinateur de bord, vitesse lente, levier unique)<br \/>\nJoystick de man\u0153uvre<br \/>\nVolant \u00e9lectronique et r\u00e9glable<br \/>\nPilote automatique<br \/>\nSurveillance des alarmes int\u00e9gr\u00e9e \u00e0 l&rsquo;\u00e9cran GPS<br \/>\nVHF avec fonction DSC<br \/>\nT\u00e9l\u00e9commande du guindeau avec compteur de cha\u00eene<br \/>\nCompas<br \/>\nSi\u00e8ge capitaine coulissant en cuir gris anthracite avec coussin rabattable<br \/>\nVolant avec poign\u00e9e en cuir et rayons en acier inoxydable poli<br \/>\nPorte-verre<br \/>\nRepose-pieds en bois de ch\u00eane dur gris sable<br \/>\nPort USB<\/p>\n<p>Tableau de bord du flybridge<\/p>\n<p>Tableau de bord ergonomique avec angle de vision anti-\u00e9blouissement et d\u00e9flecteur en plexiglas r\u00e9glable en hauteur pour la protection contre le vent, avec couvercle<br \/>\n\u00c9cran GPS 12 pouces<br \/>\n\u00c9cran tactile Volvo EVC<br \/>\nLogiciel Volvo Package (r\u00e9gulateur de vitesse, ordinateur de bord, vitesse lente, levier unique)<br \/>\nJoystick de man\u0153uvre<br \/>\nVolant \u00e9lectronique et r\u00e9glable<br \/>\nCompas<br \/>\nPilote automatique<br \/>\nSurveillance des alarmes int\u00e9gr\u00e9e \u00e0 l&rsquo;\u00e9cran GPS<br \/>\nVHF avec fonction DSC<br \/>\nT\u00e9l\u00e9commande du guindeau avec compteur de cha\u00eene<br \/>\nRadio Fusion avec port USB, connexion Bluetooth, contr\u00f4le du volume local dans le<br \/>\nFlybridge, le cockpit et la zone avant<br \/>\nSi\u00e8ge conducteur coulissant avec pied fixe, coussin rabattable et housse<br \/>\nVolant recouvert de cuir hydrofuge avec rayons en acier inoxydable<br \/>\nPorte-verres et bo\u00eete \u00e0 gants<br \/>\nPort USB<\/p>\n<p>\u00c9quipement technique<\/p>\n<p>Syst\u00e8me \u00e9lectrique 120\/240 V (60 Hz)<br \/>\nG\u00e9n\u00e9rateur 21,5 kW env. avec s\u00e9parateurs de fum\u00e9e et d&rsquo;eau et pr\u00e9filtre Racor avec cartouche filtrante et s\u00e9parateur d&rsquo;eau<br \/>\nClimatisation tropicale avec prise de quai et c\u00e2ble<br \/>\nSalle des machines blanche<br \/>\n\u00c9clairage LED int\u00e9rieur et ext\u00e9rieur<br \/>\nOnduleur 3000 W (120\/240 V-60 Hz)<br \/>\nIsolateurs galvaniques<br \/>\nEntr\u00e9es d&rsquo;air de la salle des machines avec grilles de s\u00e9paration air\/eau et ventilation naturelle<br \/>\nR\u00e9servoir d&rsquo;eau douce en acier inoxydable<br \/>\nSyst\u00e8me de lutte contre l&rsquo;incendie \u00e9cologique au gaz NOVEC1230 avec arr\u00eat automatique des moteurs et du g\u00e9n\u00e9rateur<br \/>\nD\u00e9tection de fum\u00e9e dans toutes les zones et sir\u00e8ne d&rsquo;alarme<br \/>\nExtincteurs portatifs fournis dans diff\u00e9rentes zones du bateau<br \/>\nR\u00e9servoirs de carburant en acier inoxydable avec raccords crois\u00e9s (deux) et doubles entr\u00e9es, avec indicateur de niveau et protection<br \/>\nDouble pr\u00e9filtre \u00e0 carburant Racor avec capteur de pr\u00e9sence d&rsquo;eau et signalisation acoustique sur le tableau de bord<br \/>\nPompe de cale \u00e9lectrique pour l&rsquo;aspiration des fluides<br \/>\nUtilisation de mat\u00e9riaux emp\u00eachant la propagation des flammes pour la plomberie d&rsquo;eau de mer<br \/>\nDouble syst\u00e8me de distribution d&rsquo;eau chaude et froide, avec vannes d&rsquo;arr\u00eat centralis\u00e9es individuelles<br \/>\nSyst\u00e8me de drainage commun<br \/>\nChauffe-eau<br \/>\nChargeurs automatiques d\u00e9di\u00e9s aux batteries de service, aux moteurs et au g\u00e9n\u00e9rateur<br \/>\nVolvo Automatic Interceptor<br \/>\nD\u00e9rivation d&rsquo;\u00e9chappement \u00e0 sillage clair<br \/>\nCoupe-c\u00e2bles d&rsquo;h\u00e9lice<br \/>\nAntenne TV num\u00e9rique terrestre avec c\u00e2bles de connexion d&rsquo;antenne TV, c\u00e2blage satellite et c\u00e2bles de connexion HDMI<br \/>\nLave-linge, s\u00e8che-linge et lave-vaisselle install\u00e9s<br \/>\nR\u00e9servoir d&rsquo;eaux us\u00e9es<\/p>\n<p>Anodes sacrificielles en aluminium pour eau sal\u00e9e<br \/>\nRev\u00eatement insonorisant de la salle des machines en mat\u00e9riau emp\u00eachant la propagation des flammes<br \/>\nTuyaux sanitaires r\u00e9sistants aux odeurs<br \/>\nStructure int\u00e9gr\u00e9e facilitant l&rsquo;inspection du pont et de la coque<\/p>\n<p>Pont principal<\/p>\n<p>Mobilier en ch\u00eane clair et noyer canaletto fonc\u00e9 avec inserts en bois cannel\u00e9<br \/>\nCanap\u00e9 en tissu \u00e9cru en forme de U avec table basse en verre<br \/>\nMeubles en ch\u00eane clair avec plateau en noyer canaletto fonc\u00e9 verni mat et inserts en similicuir<br \/>\nCoin repas avec table coulissante en ch\u00eane clair et canap\u00e9 en tissu \u00e9cru<br \/>\nFen\u00eatres lat\u00e9rales teint\u00e9es fum\u00e9es<br \/>\nStores v\u00e9nitiens \u00e0 ouverture manuelle pour les fen\u00eatres lat\u00e9rales<br \/>\nSol en ch\u00eane durmast gris sable avec effet sci\u00e9<br \/>\nFen\u00eatre \u00e0 ouverture \u00e9lectrique sur le c\u00f4t\u00e9 b\u00e2bord<br \/>\nPorte d&rsquo;entr\u00e9e en verre fum\u00e9 \u00e0 3 vantaux, dont 2 coulissants<br \/>\nArmoire pour si\u00e8ge capitaine avec porte ou compartiment pour refroidisseur \u00e0 vin (en option)<br \/>\nTableau \u00e9lectrique prot\u00e9g\u00e9 par des portes coulissantes en verre<br \/>\nRideau en tissu pour porte coulissante<br \/>\nPlafonds en similicuir avec panneaux laqu\u00e9s<br \/>\nBandes LED \u00e0 intensit\u00e9 variable le long du plafond<br \/>\n\u00c9clairage d&rsquo;appoint<\/p>\n<p>Cuisine<\/p>\n<p>Cuisine en L, avec plan de travail Dekton aux nuances marbr\u00e9es et verre anti-\u00e9claboussures le long du canap\u00e9<br \/>\nStore v\u00e9nitien manuel<br \/>\n\u00c9vier en acier inoxydable avec robinet t\u00e9lescopique<br \/>\nAppareils \u00e9lectrom\u00e9nagers : micro-ondes\/grill, plaque de cuisson vitroc\u00e9ramique avec po\u00eales et r\u00e9frig\u00e9rateur avec cong\u00e9lateur (24 V)<br \/>\nHotte aspirante<br \/>\nPoubelle en Dekton et acier inoxydable int\u00e9gr\u00e9e au plan de travail de la cuisine<br \/>\nArmoires suspendues en chanvre verni brillant<\/p>\n<p>Rangements pour tasses dans des \u00e9tag\u00e8res ferm\u00e9es.<br \/>\nParquet en ch\u00eane durmast gris sable avec effet sci\u00e9.<\/p>\n<p>Cabine principale au milieu du bateau.<\/p>\n<p>Mobilier en ch\u00eane clair et noyer canaletto fonc\u00e9 avec finitions mates et inserts en bois cannel\u00e9.<br \/>\nLit double queen size longitudinal avec matelas en mousse \u00e0 m\u00e9moire de forme.<br \/>\nT\u00eate de lit en cuir marron fonc\u00e9.<br \/>\nTables de chevet en noyer canaletto fonc\u00e9 verni mat avec inserts en similicuir.<br \/>\nPrises USB int\u00e9gr\u00e9es dans les interrupteurs du lit (deux).<br \/>\nCadre de lit en noyer canaletto fonc\u00e9 verni mat<br \/>\nMurs recouverts de bois cannel\u00e9 et de similicuir avec \u00e9clairage d\u00e9coratif<br \/>\nMeubles en ch\u00eane clair avec plateau en noyer canaletto fonc\u00e9 verni mat et inserts en similicuir<br \/>\nLampes de lecture<br \/>\nCoiffeuse en ch\u00eane clair avec inserts en cuir, miroir et \u00e9clairage, deux tiroirs en noyer canaletto fonc\u00e9 verni mat<br \/>\nDressing avec \u00e9clairage, \u00e9tag\u00e8res et porte avec miroir \u00e0 l&rsquo;ext\u00e9rieur<br \/>\nGrandes fen\u00eatres sans montants et hublots ouvrants (deux)<br \/>\nStores v\u00e9nitiens<br \/>\n\u00c9clairage de courtoisie<br \/>\nBandes LED et spots \u00e0 intensit\u00e9 variable le long du plafond<br \/>\nPlafond en similicuir avec insert verni mat couleur chanvre<br \/>\nMoquette couleur sable.<br \/>\nSalle de bains de la cabine principale.<br \/>\nMeuble en ch\u00eane clair avec portes, plan de travail en Corian, lavabo en c\u00e9ramique blanche.<br \/>\nArmoires suspendues avec miroir.<br \/>\nGrande douche avec porte en verre, rev\u00eatement effet marbre avec grains en relief,<br \/>\nsi\u00e8ge en Corian et pomme de douche avec rail coulissant.<br \/>\nWC avec fonction bidet.<br \/>\nHublot ouvrant avec stores \u00e0 enrouleur.<br \/>\nSol en HPL effet marbre fonc\u00e9 avec grains en relief.<\/p>\n<p>Cabine VIP \u00e0 l&rsquo;avant.<\/p>\n<p>Mobilier en ch\u00eane clair et noyer canaletto fonc\u00e9 avec finitions mates et inserts en bois cannel\u00e9.<br \/>\nLit double avec matelas en mousse \u00e0 m\u00e9moire de forme et tiroirs.<br \/>\nT\u00eate de lit en cuir marron fonc\u00e9.<br \/>\nTables de chevet en noyer canaletto fonc\u00e9 verni mat avec inserts en similicuir.<br \/>\nPrises USB int\u00e9gr\u00e9es dans les interrupteurs du lit (deux).<br \/>\nCadre de lit en noyer canaletto fonc\u00e9 verni mat<br \/>\nMurs recouverts de bois cannel\u00e9 et de similicuir avec \u00e9clairage d\u00e9coratif<br \/>\nArmoire avec porte couleur chanvre au fini mat et miroir \u00e0 l&rsquo;ext\u00e9rieur<br \/>\nTable de toilette en noyer canaletto fonc\u00e9 verni mat, avec inserts en similicuir, miroir et \u00e9clairage, avec deux tiroirs<br \/>\nGrandes fen\u00eatres sans montants avec hublots ouvrants (deux)<br \/>\nTrappe avec \u00e9chelle pour sortie de secours, moustiquaires et store enroulable<br \/>\nStores v\u00e9nitiens<br \/>\n\u00c9clairage de courtoisie<br \/>\nPlafonnier \u00e0 intensit\u00e9 variable<br \/>\nPlafond en similicuir<br \/>\nMoquette couleur sable<\/p>\n<p>Salle de bains de la cabine VIP<\/p>\n<p>Meuble en ch\u00eane clair avec portes, plan de travail en Corian, lavabo en c\u00e9ramique blanche<br \/>\nArmoires suspendues avec miroir<br \/>\nWC \u00e9lectrique avec eau douce<br \/>\nGrande douche avec porte en verre, rev\u00eatement effet marbre avec grains en relief et pomme de douche avec rail coulissant<br \/>\nHublot ouvrant avec store enrouleur<br \/>\nSol en HPL avec finition marbr\u00e9e fonc\u00e9e et grains en relief<\/p>\n<p>Cabine centrale<\/p>\n<p>Mobilier en ch\u00eane clair et finitions en noyer canaletto fonc\u00e9 verni mat avec inserts en bois cannel\u00e9<br \/>\nLits simples (deux) avec matelas \u00e0 m\u00e9moire de forme<br \/>\nMurs recouverts de bois cannel\u00e9 et de cuir avec \u00e9clairage d\u00e9coratif<br \/>\nTable de chevet en ch\u00eane clair avec tiroir<\/p>\n<p>Prise USB int\u00e9gr\u00e9e dans la plaque d&rsquo;interrupteur du lit<br \/>\nCadre de lit en ch\u00eane clair<br \/>\nArmoire en ch\u00eane clair avec miroir \u00e0 l&rsquo;ext\u00e9rieur<br \/>\nHublots ouvrants (deux)<br \/>\nStores v\u00e9nitiens<br \/>\n\u00c9clairage de courtoisie<br \/>\nPlafonnier \u00e0 intensit\u00e9 variable<br \/>\nPlafond en similicuir<br \/>\nMoquette couleur sable<\/p>\n<p>Salle de bain de la cabine centrale<\/p>\n<p>Meuble en ch\u00eane clair, avec plan de travail en Corian, lavabo en c\u00e9ramique blanche et miroir<br \/>\nWC \u00e9lectrique avec eau douce<br \/>\nDouche avec porte en verre, rev\u00eatement effet marbre avec grains en relief et<br \/>\npomme de douche avec rail coulissant<br \/>\nHublot ouvrant<br \/>\nSol en HPL effet marbre fonc\u00e9 avec grains en relief<\/p>\n<p>\u00c9quipement<\/p>\n<p>Bou\u00e9e de sauvetage dans son logement<br \/>\nGaffe<br \/>\nD\u00e9fenses avec housses personnalis\u00e9es Absolute (huit)<br \/>\nAmarres (quatre)<br \/>\nOptions install\u00e9es en usine<br \/>\nCoffre-fort dans la cabine principale<br \/>\nLavabos de salle de bain chrom\u00e9s \u00e0 l&rsquo;ext\u00e9rieur<br \/>\nPouf (deux) dans la cabine principale et la cabine VIP<br \/>\nPack audio premium<br \/>\nConnexion WiFi + 4G<br \/>\nPortes d&rsquo;acc\u00e8s lat\u00e9rales<br \/>\nPoign\u00e9e amovible pour la plate-forme de l&rsquo;\u00e9chelle de bain<br \/>\nH\u00e9lice avant avec double commande dans le fly et sur le pont principal Deuxi\u00e8me si\u00e8ge de pilotage \u00e0 la position de barre sur le pont principal<br \/>\nLit coulissant \u00e9lectrique dans la cabine centrale pour transformation en lit double<br \/>\nCanap\u00e9s int\u00e9rieurs en cuir couleur gris tourterelle<br \/>\nPorte d&rsquo;acc\u00e8s en verre vers le hall<br \/>\nAuvent pour le canap\u00e9 avant et le bain de soleil avec poteaux t\u00e9lescopiques en aluminium noir Porte \u00e9tanche pour acc\u00e8s direct \u00e0 la salle des machines depuis la salle de bains Stores manuels pour les hublots et les fen\u00eatres de la cabine centrale, avant et principale Moustiquaires<br \/>\nSi\u00e8ge de pilotage \u00ab confort \u00bb dans le flybridge<\/p>\n<p>Table en teck laqu\u00e9e brillante dans le cockpit avec housse et chaises (quatre) avec table en teck laqu\u00e9e brillante sur le flybridge<br \/>\nService de vaisselle, couverts, tasses et verres pour six personnes dans un compartiment d\u00e9di\u00e9 Vitre coulissante \u00e9lectrique entre la cuisine et le canap\u00e9<br \/>\nCouvre-lits de couleur cr\u00e8me, draps et oreillers blanc cass\u00e9 pour le pont inf\u00e9rieur Plancher en ch\u00eane gris sable avec effet sci\u00e9 dans le pont inf\u00e9rieur Modules d&rsquo;ambiance terrasse TF<br \/>\nDouche \u00e0 main sur le flybridge et \u00e0 l&rsquo;avant<br \/>\nRadio st\u00e9r\u00e9o Fusion avec haut-parleurs (deux), avec entr\u00e9e num\u00e9rique optique Radio st\u00e9r\u00e9o Fusion avec entr\u00e9e num\u00e9rique optique pour connecter la radio Instruments \u00e9lectroniques\/de navigation : Pack s\u00e9curit\u00e9 (station m\u00e9t\u00e9o, radar Al Open Array (antenne seule, Hard Top requis)<br \/>\nTraceur de cartes GPS avec \u00e9crans 17 pouces (deux) dans le hall et \u00e9crans 12 pouces<br \/>\nCam\u00e9ras dans la salle des machines et dans le cockpit<br \/>\nTroisi\u00e8me station d&rsquo;amarrage dans le cockpit Volets compensateurs Volvo Interceptor Active<br \/>\nAncre num\u00e9rique Volvo DPS avec syst\u00e8me d&rsquo;amarrage assist\u00e9<br \/>\nHard Top en fibre de verre avec capote \u00e9lectrique, avec microfibre Rev\u00eatements gris perle pour le bar, les canap\u00e9s et la table sur le Flybridge Pare-soleil \u00e9lectrique dans le flybridge<br \/>\nPare-soleil \u00e9lectrique intimit\u00e9 dans le cockpit Lave-linge-s\u00e8che-linge<br \/>\nLave-vaisselle<br \/>\nQuatri\u00e8me cabine arri\u00e8re<br \/>\nS\u00e8che-serviettes chauffant dans la salle de bains de la cabine principale<br \/>\nCave \u00e0 vin dans le hall<br \/>\nR\u00e9frig\u00e9rateur dans la cabine principale<\/p>\n<p>Acc\u00e8s \u00e0 la passerelle tribord depuis le poste de pilotage, via une porte manuelle Plateforme hydraulique &#8211; capacit\u00e9 de levage 400 kg (882 lb), avec teck massif Stabilisateur gyroscopique (Seakeeper 9 Gyro)<br \/>\nKit d&rsquo;\u00e9clairage (\u00e9clairage de courtoisie tout le long du plancher sur le pont et le flybridge) Machine \u00e0 gla\u00e7ons dans le meuble du flybridge<br \/>\nBarbecue dans le bar du flybridge<br \/>\nR\u00e9servoir d&rsquo;eaux grises avec syst\u00e8me d&rsquo;\u00e9vacuation \u00e0 trois voies avec d\u00e9rivation<br \/>\nProjecteur avec double commande dans le flybridge et sur le pont principal<br \/>\nAncre en acier inoxydable Ultra de 45 kg (99 lb) avec cha\u00eene anti-salissures et quatri\u00e8me cabine arri\u00e8re Climatisation 50\/60 Hz avec unit\u00e9 split<\/p>\n<p>&nbsp;<\/p>\n<\/div>\n<\/div>\n<\/div>\n<\/div>\n<\/div>\n<\/div>\n<\/div>\n<\/div>\n<\/div>\n<\/div>\n<div>\n<div class=\"html-content-description\">\n<p>&nbsp;<\/p>\n<p><strong><span style=\"color: black;\">AVIS DE NON-RESPONSABILIT\u00c9<\/span><\/strong><\/p>\n<p><strong><span style=\"color: black; font-weight: normal;\">Le bateau qui est pr\u00e9sent\u00e9 sur cette page, l\u2019est uniquement \u00e0 titre d\u2019information et n\u2019est pas n\u00e9cessairement toujours disponible \u00e0 la vente et\/ou \u00e0 la location.<\/span><\/strong><span class=\"apple-converted-space\"><b><span style=\"color: black;\">\u00a0<\/span><\/b><\/span><strong><span style=\"color: black; font-weight: normal;\">Ce bateau est peut-\u00eatre offert sous r\u00e9serve, il faut v\u00e9rifier sa disponibilit\u00e9.<\/span><\/strong><span class=\"apple-converted-space\"><b><span style=\"color: black;\">\u00a0<\/span><\/b><\/span><strong><span style=\"color: black; font-weight: normal;\">\u00a0Ce document ou cette annonce n\u2019est pas contractuel. Les informations sur les bateaux affich\u00e9es dans les r\u00e9sultats ci-dessus sont pr\u00e9sent\u00e9es en toute bonne foi et, bien qu\u2019elles soient consid\u00e9r\u00e9es comme correctes, elles ne sont pas garanties. Ita Yachts Canada ne garantit pas et n\u2019assume aucune responsabilit\u00e9 l\u00e9gale ou responsabilit\u00e9 pour l\u2019exactitude, l\u2019exhaustivit\u00e9 ou l\u2019utilit\u00e9 des informations et\/ou des images affich\u00e9es, car elles peuvent ne pas \u00eatre \u00e0 jour ou encore \u00eatres des images d\u2019un bateau comparable. Toutes les informations sur les bateaux peuvent \u00eatre modifi\u00e9es sans pr\u00e9avis et sont sans garantie.<\/span><\/strong><span class=\"apple-converted-space\"><b><span style=\"color: black;\">\u00a0<\/span><\/b><\/span><strong><span style=\"color: black; font-weight: normal;\">Ce bateau est peut-\u00eatre offert par un autre courtier ouvert au co-courtage (co-brokerage).<\/span><\/strong><\/p>\n<\/div>\n<p>&nbsp;<\/p>\n<div class=\"html-content-description\">\n<div data-test='contact-form'\n\t\t\tid='contact-form-288804'\n\t\t\tclass='jetpack-contact-form-container '\n\t\t\tdata-wp-interactive='jetpack\/form' data-wp-context='{\"formId\":\"288804\",\"formHash\":\"e075f1d4c03a7e4435643cd69d201c67ac2cecf1\",\"showErrors\":false,\"errors\":[],\"fields\":[],\"isMultiStep\":false,\"useAjax\":false,\"submissionData\":null,\"formattedSubmissionData\":[],\"submissionSuccess\":false,\"submissionError\":null,\"elementId\":\"jp-form-e075f1d4c03a7e4435643cd69d201c67ac2cecf1\",\"isSingleInputForm\":false,\"isForcedHorizontal\":false}'\n\t\t\tdata-wp-watch--scroll-to-wrapper=\"callbacks.scrollToWrapper\"\n\t\t>\n<div class=\"contact-form-submission contact-form-ajax-submission\" data-wp-bind--aria-hidden=\"state.isSuccessMessageAriaHidden\" data-wp-class--submission-success=\"context.submissionSuccess\" id=\"contact-form-success-e075f1d4c03a7e4435643cd69d201c67ac2cecf1\" tabindex=\"-1\" aria-labelledby=\"contact-form-success-header-e075f1d4c03a7e4435643cd69d201c67ac2cecf1\"><p class=\"go-back-message\"><a class=\"link\" role=\"button\" tabindex=\"0\" data-wp-on--click=\"actions.goBack\" href=\"\/fr\/wp-json\/wp\/v2\/listing\/288804\">\u2190 Retour<\/a><\/p><h4 data-wp-bind--aria-hidden=\"state.isSuccessMessageAriaHidden\" id=\"contact-form-success-header-e075f1d4c03a7e4435643cd69d201c67ac2cecf1\">Merci pour votre r\u00e9ponse. \u2728<\/h4>\n\n<template data-wp-each--submission=\"context.formattedSubmissionData\">\n\t\t\t\t\t<div class=\"jetpack_forms_contact-form-success-summary\">\n\t\t\t\t\t\t<div class=\"field-name-wrapper\">\n\t\t\t\t\t\t\t<div class=\"field-type-icon\" data-wp-watch=\"callbacks.watchFieldTypeIcon\"><\/div>\n\t\t\t\t\t\t\t<div class=\"field-name\" data-wp-text=\"context.submission.label\" data-wp-bind--hidden=\"!context.submission.label\"><\/div>\n\t\t\t\t\t\t<\/div>\n\t\t\t\t\t\t<div class=\"field-value\" data-wp-text=\"context.submission.value\" data-wp-bind--hidden=\"!context.submission.showPlainValue\"><\/div>\n\t\t\t\t\t\t<a class=\"field-url\" data-wp-bind--href=\"context.submission.url\" data-wp-text=\"context.submission.value\" data-wp-bind--hidden=\"!context.submission.url\" target=\"_blank\" rel=\"noopener noreferrer\"><\/a>\n\t\t\t\t\t\t<div class=\"field-rating\" data-wp-bind--hidden=\"!context.submission.rating\" data-wp-watch=\"callbacks.watchRatingIcons\"><\/div>\n\t\t\t\t\t\t<div class=\"field-images\" data-wp-bind--hidden=\"!context.submission.images\">\n\t\t\t\t\t\t\t<template data-wp-each--image=\"context.submission.images\">\n\t\t\t\t\t\t\t\t<div class=\"field-image-option\" data-wp-class--is-empty=\"!context.image.src\">\n\t\t\t\t\t\t\t\t\t<figure class=\"field-image-option__image\" data-wp-class--is-empty=\"!context.image.src\">\n\t\t\t\t\t\t\t\t\t\t<img data-wp-bind--src=\"context.image.src\" data-wp-bind--hidden=\"!context.image.src\" \/>\n\t\t\t\t\t\t\t\t\t\t<img decoding=\"async\" src=\"data:image\/gif;base64,R0lGODlhAQABAAD\/ACwAAAAAAQABAAACADs=\" data-wp-bind--hidden=\"context.image.src\" \/>\n\t\t\t\t\t\t\t\t\t<\/figure>\n\t\t\t\t\t\t\t\t\t<div class=\"field-image-option__label-wrapper\">\n\t\t\t\t\t\t\t\t\t\t<span class=\"field-image-option__label-code\" data-wp-text=\"context.image.letterCode\"><\/span>\n\t\t\t\t\t\t\t\t\t\t<span class=\"field-image-option__label\" data-wp-text=\"context.image.label\" data-wp-bind--hidden=\"!context.image.label\"><\/span>\n\t\t\t\t\t\t\t\t\t<\/div>\n\t\t\t\t\t\t\t\t<\/div>\n\t\t\t\t\t\t\t<\/template>\n\t\t\t\t\t\t<\/div>\n\t\t\t\t\t\t<div class=\"field-files\" data-wp-bind--hidden=\"!context.submission.files\">\n\t\t\t\t\t\t\t<template data-wp-each--file=\"context.submission.files\">\n\t\t\t\t\t\t\t\t<div class=\"field-file\">\n\t\t\t\t\t\t\t\t\t<div class=\"field-file__thumbnail\" data-wp-style--background-image=\"context.file.previewUrl\" data-wp-style--mask-image=\"context.file.iconUrl\" data-wp-bind--hidden=\"!context.file.hasPreview\"><\/div>\n\t\t\t\t\t\t\t\t\t<svg class=\"field-file__icon\" data-wp-bind--hidden=\"context.file.hasPreview\" width=\"20\" height=\"20\" viewBox=\"0 0 24 24\" fill=\"none\" xmlns=\"http:\/\/www.w3.org\/2000\/svg\" aria-hidden=\"true\">\n\t\t\t\t\t\t\t\t\t\t<path d=\"M14 2H6C4.9 2 4 2.9 4 4V20C4 21.1 4.89 22 5.99 22H18C19.1 22 20 21.1 20 20V8L14 2ZM18 20H6V4H13V9H18V20Z\" fill=\"currentColor\"\/>\n\t\t\t\t\t\t\t\t\t<\/svg>\n\t\t\t\t\t\t\t\t\t<span class=\"field-file__name\" data-wp-text=\"context.file.name\"><\/span>\n\t\t\t\t\t\t\t\t\t<span class=\"field-file__size\" data-wp-text=\"context.file.size\"><\/span>\n\t\t\t\t\t\t\t\t<\/div>\n\t\t\t\t\t\t\t<\/template>\n\t\t\t\t\t\t<\/div>\n\t\t\t\t\t<\/div>\n\t\t\t\t<\/template><\/div><form action='https:\/\/itayachtscanada.com\/fr\/listing\/absolute-navetta-58-2022-1985000-usd-for-sale\/'\n\t\t\t\tid='jp-form-e075f1d4c03a7e4435643cd69d201c67ac2cecf1'\n\t\t\t\tmethod='post'\n\t\t\t\tclass='contact-form commentsblock jetpack-contact-form__form has-no-jetpack-form-layout' aria-label=\"{:en}Absolute Navetta 58 2022 $1,795,000 usd for sale{:}{:fr}Absolute Navetta 58 2022 $1,795,000 usd \u00e0 vendre{:}\"\n\t\t\t\tdata-wp-on--submit=\"actions.onFormSubmit\"\n\t\t\t\tdata-wp-on--reset=\"actions.onFormReset\"\n\t\t\t\tdata-wp-class--submission-success=\"context.submissionSuccess\"\n\t\t\t\tdata-wp-class--is-first-step=\"state.isFirstStep\"\n\t\t\t\tdata-wp-class--is-last-step=\"state.isLastStep\"\n\t\t\t\tdata-wp-class--is-ajax-form=\"context.useAjax\"\n\t\t\t\tnovalidate >\n<input type='hidden' name='jetpack_contact_form_jwt' value='eyJ0eXAiOiJKV1QiLCJhbGciOiJIUzI1NiJ9.eyJlbmNyeXB0ZWRfYXR0cmlidXRlcyI6IlhFZ2VlT1lPdnY3WVc4WjlhRkg4L2pUR2ZMKzdhalRmM3dsMU1jWnlJTjFleHQ1bXJVMkRmNVBFR3orVEVtcEN4emlIKzNqRUFDK2M0c0dGaDVmWjhMWTBmQkFWMVBkUFlBS1dpTHNwREl6VGZaa2lHODZIK0V0N2xuMmlqSHFKSTQ3T29lY29WekhDbTNheVNSSGJYMkhwQVhVSmJ4eDZ1aFZENk40eEZOZDlxVHYyalR1T3RpS0RNcUpDbXV5RDJOOTRjSjd4MkhkUmRPQVNENjNCSUNENUJkZm8wTWljTUNQRDRDTjhQUVkvMUdSNDlJeW03emxVanJGMFhOUGhqajBwWVFCd0RmamNaMWovMEhpS0tMUWh6SlFFQTFIRE9KUjRydldNS0MySDh4WUt4aDJaeGk3ZCtQZXFGNUZjdzdWQ3ZhQmRvWGlrUUM4RmM5T3ZTNVFUdlI3NUY3WFNtL3IyZGZRc09LYlExc2lqcURDZTRRNWZtUmhkM3FqdjBGR0pSVzVrWm44VW83NDdQOWdqZWxhamUxQk5oNjhJa0RaNnkzLzc2dnhVelRvZWdJeHhMdDBYZzNLVXFHVTArd01oTk0yOTRndVp5ZzZMV1ZOeEtxWFdOcWNsVjlTMFRWd21JUStmalk1RVhjVlk2Yk9nNW92VzhNWWRja0M5TVptMTRhSysremhsYnNzaGx4Z1NhcjV5alZlMUNXcWdpekE2MXYvczhESlBLNzJUL3Z4WXptbGdEZmRRRm01Nzg2Zm9OVjJjN1JKR04yWlRiZEozYlpmeEw4YTltNlhEakJwNFZJQnJNUG80MEt2RjlBSXR6ZCsrMWxaMVp0dmV4K0QwZ3NoL2daR0RWUTFpWGlEQ1JBNWFEVXZjNEVqc1FTWHE1dk00MWpFMkhGZ3E5dGVhN002OFhuZGNMT0gxRGhIMDZGQTRWNVpDOWt0TURWLzYwdGw1Z3FzYWt6M3phcUlPeW9VS2g1aGpSOXc2QVhVazBNWUVtYVNabmJyWHc2cTVyNTlkN3FEbHNJdElxS2o2d0xROVFaaUU4d3FzWG9yTTNZUzJqV3d5eVJ4ckF1UXdxZjcyNVpxRy9xeHoyVllQVDB6SlkrcWZCcWdzYVBod1dRMEphNnE5Rm1tK3phQUduVXU4U0RLMVY5NW9UdzZFRUd0dXNIUUQ4WGVTWnZQdUowT0ZwWjJGajV2WW9mdE1sYzBFdURSRXJNcTlvR0tGSGN2Z2hncnM2dHQvSmZ3WUpRUHRQcExvQWphR1BBPT0iLCJjb250ZW50IjoiW2NvbnRhY3QtZmllbGQgbGFiZWw9XCJOYW1lOlwiIHR5cGU9XCJuYW1lXCIgcmVxdWlyZWQ9XCIxXCJdW2NvbnRhY3QtZmllbGQgbGFiZWw9XCJFLW1haWxcIiB0eXBlPVwiZW1haWxcIiByZXF1aXJlZD1cIjFcIl1bY29udGFjdC1maWVsZCBsYWJlbD1cIkFib3V0IHRoaXMgeWFjaHQ6IFwiIHR5cGU9XCJ0ZXh0XCJdW2NvbnRhY3QtZmllbGQgbGFiZWw9XCJNZXNzYWdlXCIgdHlwZT1cInRleHRhcmVhXCJdIiwiaGFzaCI6ImUwNzVmMWQ0YzAzYTdlNDQzNTY0M2NkNjlkMjAxYzY3YWMyY2VjZjEiLCJzb3VyY2UiOnsiZW50cnlfdGl0bGUiOiJBYnNvbHV0ZSBOYXZldHRhIDU4IDIwMjIgJDEsNzk1LDAwMCB1c2QgXHUwMGUwIHZlbmRyZSIsImVudHJ5X3BhZ2UiOjEsInNvdXJjZV9pZCI6Mjg4ODA0LCJzb3VyY2VfdHlwZSI6InNpbmdsZSIsInJlcXVlc3RfdXJsIjoiaHR0cHM6Ly9pdGF5YWNodHNjYW5hZGEuY29tL2ZyL3dwLWpzb24vd3AvdjIvbGlzdGluZy8yODg4MDQifSwidmVyc2lvbiI6MiwiY2lwaGVyIjoiYWVzLTI1Ni1nY20ifQ.wEPcrzwLoSbRVribd_3QGK31Hjk-xYfLNDTuH5PWuKQ' \/>\n\n<div style=\"\"  data-wp-interactive=\"jetpack\/form\" data-wp-context='{\"fieldId\":\"g288804-name\",\"fieldType\":\"name\",\"fieldLabel\":\"Name:\",\"fieldValue\":\"\",\"fieldPlaceholder\":\"\",\"fieldIsRequired\":\"1\",\"fieldErrorMessage\":\"\",\"fieldExtra\":[],\"formHash\":\"e075f1d4c03a7e4435643cd69d201c67ac2cecf1\"}'  class='grunion-field-name-wrap grunion-field-wrap'  data-wp-init='callbacks.initializeField' data-wp-on--jetpack-form-reset='callbacks.initializeField' >\n<label\n\t\t\t\tfor='g288804-name' class=\"grunion-field-label name\" >Name:<span class=\"grunion-label-required\" aria-hidden=\"true\">(obligatoire)<\/span><\/label>\n<input\n\t\t\t\t\ttype='text'\n\t\t\t\t\tname='g288804-name'\n\t\t\t\t\tid='g288804-name'\n\t\t\t\t\tvalue=''\n\n\t\t\t\t\tdata-wp-bind--aria-invalid='state.fieldAriaInvalid'\n\t\t\t\t\tdata-wp-bind--value='state.getFieldValue'\n\t\t\t\t\taria-describedby='g288804-name-text-error-message'\n\t\t\t\t\tdata-wp-on--input='actions.onFieldChange'\n\t\t\t\t\tdata-wp-on--blur='actions.onFieldBlur'\n\t\t\t\t\tdata-wp-class--has-value='state.hasFieldValue'\n\n\t\t\t\t\tclass='name  grunion-field' \n\t\t\t\t\trequired='true' aria-required='true'  \/>\n \n\t\t\t<div id=\"g288804-name-text-error\" class=\"contact-form__input-error\" data-wp-class--has-errors=\"state.fieldHasErrors\">\n\t\t\t\t<span class=\"contact-form__warning-icon\" aria-hidden=\"true\">\n\t\t\t\t\t<svg width=\"16\" height=\"16\" viewBox=\"0 0 16 16\" fill=\"none\" xmlns=\"http:\/\/www.w3.org\/2000\/svg\">\n\t\t\t\t\t\t<path d=\"M8.50015 11.6402H7.50015V10.6402H8.50015V11.6402Z\" \/>\n\t\t\t\t\t\t<path d=\"M7.50015 9.64018H8.50015V6.30684H7.50015V9.64018Z\" \/>\n\t\t\t\t\t\t<path fill-rule=\"evenodd\" clip-rule=\"evenodd\" d=\"M6.98331 3.0947C7.42933 2.30177 8.57096 2.30177 9.01698 3.09469L13.8771 11.7349C14.3145 12.5126 13.7525 13.4735 12.8602 13.4735H3.14004C2.24774 13.4735 1.68575 12.5126 2.12321 11.7349L6.98331 3.0947ZM8.14541 3.58496C8.08169 3.47168 7.9186 3.47168 7.85488 3.58496L2.99478 12.2251C2.93229 12.3362 3.01257 12.4735 3.14004 12.4735H12.8602C12.9877 12.4735 13.068 12.3362 13.0055 12.2251L8.14541 3.58496Z\" \/>\n\t\t\t\t\t<\/svg>\n\t\t\t\t<\/span>\n\t\t\t\t<span data-wp-text=\"state.errorMessage\" id=\"g288804-name-text-error-message\"><\/span>\n\t\t\t<\/div> \n\t<\/div>\n\n<div style=\"\"  data-wp-interactive=\"jetpack\/form\" data-wp-context='{\"fieldId\":\"g288804-email\",\"fieldType\":\"email\",\"fieldLabel\":\"E-mail\",\"fieldValue\":\"\",\"fieldPlaceholder\":\"\",\"fieldIsRequired\":\"1\",\"fieldErrorMessage\":\"\",\"fieldExtra\":[],\"formHash\":\"e075f1d4c03a7e4435643cd69d201c67ac2cecf1\"}'  class='grunion-field-email-wrap grunion-field-wrap'  data-wp-init='callbacks.initializeField' data-wp-on--jetpack-form-reset='callbacks.initializeField' >\n<label\n\t\t\t\tfor='g288804-email' class=\"grunion-field-label email\" >E-mail<span class=\"grunion-label-required\" aria-hidden=\"true\">(obligatoire)<\/span><\/label>\n<input\n\t\t\t\t\ttype='email'\n\t\t\t\t\tname='g288804-email'\n\t\t\t\t\tid='g288804-email'\n\t\t\t\t\tvalue=''\n\n\t\t\t\t\tdata-wp-bind--aria-invalid='state.fieldAriaInvalid'\n\t\t\t\t\tdata-wp-bind--value='state.getFieldValue'\n\t\t\t\t\taria-describedby='g288804-email-email-error-message'\n\t\t\t\t\tdata-wp-on--input='actions.onFieldChange'\n\t\t\t\t\tdata-wp-on--blur='actions.onFieldBlur'\n\t\t\t\t\tdata-wp-class--has-value='state.hasFieldValue'\n\n\t\t\t\t\tclass='email  grunion-field' \n\t\t\t\t\trequired='true' aria-required='true'  \/>\n \n\t\t\t<div id=\"g288804-email-email-error\" class=\"contact-form__input-error\" data-wp-class--has-errors=\"state.fieldHasErrors\">\n\t\t\t\t<span class=\"contact-form__warning-icon\" aria-hidden=\"true\">\n\t\t\t\t\t<svg width=\"16\" height=\"16\" viewBox=\"0 0 16 16\" fill=\"none\" xmlns=\"http:\/\/www.w3.org\/2000\/svg\">\n\t\t\t\t\t\t<path d=\"M8.50015 11.6402H7.50015V10.6402H8.50015V11.6402Z\" \/>\n\t\t\t\t\t\t<path d=\"M7.50015 9.64018H8.50015V6.30684H7.50015V9.64018Z\" \/>\n\t\t\t\t\t\t<path fill-rule=\"evenodd\" clip-rule=\"evenodd\" d=\"M6.98331 3.0947C7.42933 2.30177 8.57096 2.30177 9.01698 3.09469L13.8771 11.7349C14.3145 12.5126 13.7525 13.4735 12.8602 13.4735H3.14004C2.24774 13.4735 1.68575 12.5126 2.12321 11.7349L6.98331 3.0947ZM8.14541 3.58496C8.08169 3.47168 7.9186 3.47168 7.85488 3.58496L2.99478 12.2251C2.93229 12.3362 3.01257 12.4735 3.14004 12.4735H12.8602C12.9877 12.4735 13.068 12.3362 13.0055 12.2251L8.14541 3.58496Z\" \/>\n\t\t\t\t\t<\/svg>\n\t\t\t\t<\/span>\n\t\t\t\t<span data-wp-text=\"state.errorMessage\" id=\"g288804-email-email-error-message\"><\/span>\n\t\t\t<\/div> \n\t<\/div>\n\n<div style=\"\"  data-wp-interactive=\"jetpack\/form\" data-wp-context='{\"fieldId\":\"g288804-aboutthisyacht\",\"fieldType\":\"text\",\"fieldLabel\":\"About this yacht: \",\"fieldValue\":\"\",\"fieldPlaceholder\":\"\",\"fieldIsRequired\":\"\",\"fieldErrorMessage\":\"\",\"fieldExtra\":[],\"formHash\":\"e075f1d4c03a7e4435643cd69d201c67ac2cecf1\"}'  class='grunion-field-text-wrap grunion-field-wrap'  data-wp-init='callbacks.initializeField' data-wp-on--jetpack-form-reset='callbacks.initializeField' >\n<label\n\t\t\t\tfor='g288804-aboutthisyacht' class=\"grunion-field-label text\" >About this yacht: <\/label>\n<input\n\t\t\t\t\ttype='text'\n\t\t\t\t\tname='g288804-aboutthisyacht'\n\t\t\t\t\tid='g288804-aboutthisyacht'\n\t\t\t\t\tvalue=''\n\n\t\t\t\t\tdata-wp-bind--aria-invalid='state.fieldAriaInvalid'\n\t\t\t\t\tdata-wp-bind--value='state.getFieldValue'\n\t\t\t\t\taria-describedby='g288804-aboutthisyacht-text-error-message'\n\t\t\t\t\tdata-wp-on--input='actions.onFieldChange'\n\t\t\t\t\tdata-wp-on--blur='actions.onFieldBlur'\n\t\t\t\t\tdata-wp-class--has-value='state.hasFieldValue'\n\n\t\t\t\t\tclass='text  grunion-field' \n\t\t\t\t\t \/>\n \n\t\t\t<div id=\"g288804-aboutthisyacht-text-error\" class=\"contact-form__input-error\" data-wp-class--has-errors=\"state.fieldHasErrors\">\n\t\t\t\t<span class=\"contact-form__warning-icon\" aria-hidden=\"true\">\n\t\t\t\t\t<svg width=\"16\" height=\"16\" viewBox=\"0 0 16 16\" fill=\"none\" xmlns=\"http:\/\/www.w3.org\/2000\/svg\">\n\t\t\t\t\t\t<path d=\"M8.50015 11.6402H7.50015V10.6402H8.50015V11.6402Z\" \/>\n\t\t\t\t\t\t<path d=\"M7.50015 9.64018H8.50015V6.30684H7.50015V9.64018Z\" \/>\n\t\t\t\t\t\t<path fill-rule=\"evenodd\" clip-rule=\"evenodd\" d=\"M6.98331 3.0947C7.42933 2.30177 8.57096 2.30177 9.01698 3.09469L13.8771 11.7349C14.3145 12.5126 13.7525 13.4735 12.8602 13.4735H3.14004C2.24774 13.4735 1.68575 12.5126 2.12321 11.7349L6.98331 3.0947ZM8.14541 3.58496C8.08169 3.47168 7.9186 3.47168 7.85488 3.58496L2.99478 12.2251C2.93229 12.3362 3.01257 12.4735 3.14004 12.4735H12.8602C12.9877 12.4735 13.068 12.3362 13.0055 12.2251L8.14541 3.58496Z\" \/>\n\t\t\t\t\t<\/svg>\n\t\t\t\t<\/span>\n\t\t\t\t<span data-wp-text=\"state.errorMessage\" id=\"g288804-aboutthisyacht-text-error-message\"><\/span>\n\t\t\t<\/div> \n\t<\/div>\n\n<div style=\"\"  data-wp-interactive=\"jetpack\/form\" data-wp-context='{\"fieldId\":\"g288804-message\",\"fieldType\":\"textarea\",\"fieldLabel\":\"Message\",\"fieldValue\":\"\",\"fieldPlaceholder\":\"\",\"fieldIsRequired\":\"\",\"fieldErrorMessage\":\"\",\"fieldExtra\":[],\"formHash\":\"e075f1d4c03a7e4435643cd69d201c67ac2cecf1\"}'  class='grunion-field-textarea-wrap grunion-field-wrap'  data-wp-init='callbacks.initializeField' data-wp-on--jetpack-form-reset='callbacks.initializeField' >\n<label\n\t\t\t\tfor='contact-form-comment-g288804-message' class=\"grunion-field-label textarea\" >Message<\/label>\n<textarea\n\t\t                style=''\n\t\t                name='g288804-message'\n\t\t                id='contact-form-comment-g288804-message'\n\t\t                rows='20'\n\t\t\t\t\t\tdata-wp-text='state.getFieldValue'\n\t\t\t\t\t\tdata-wp-on--input='actions.onFieldChange'\n\t\t\t\t\t\tdata-wp-on--blur='actions.onFieldBlur'\n\t\t\t\t\t\tdata-wp-class--has-value='state.hasFieldValue'\n\t\t\t\t\t\taria-describedby='g288804-message-textarea-error-message'\n\t\t\t\t\t\tdata-wp-bind--aria-invalid='state.fieldAriaInvalid'\n\t\t\t\t\t\tclass='textarea  grunion-field'  ><\/textarea>\n \n\t\t\t<div id=\"g288804-message-textarea-error\" class=\"contact-form__input-error\" data-wp-class--has-errors=\"state.fieldHasErrors\">\n\t\t\t\t<span class=\"contact-form__warning-icon\" aria-hidden=\"true\">\n\t\t\t\t\t<svg width=\"16\" height=\"16\" viewBox=\"0 0 16 16\" fill=\"none\" xmlns=\"http:\/\/www.w3.org\/2000\/svg\">\n\t\t\t\t\t\t<path d=\"M8.50015 11.6402H7.50015V10.6402H8.50015V11.6402Z\" \/>\n\t\t\t\t\t\t<path d=\"M7.50015 9.64018H8.50015V6.30684H7.50015V9.64018Z\" \/>\n\t\t\t\t\t\t<path fill-rule=\"evenodd\" clip-rule=\"evenodd\" d=\"M6.98331 3.0947C7.42933 2.30177 8.57096 2.30177 9.01698 3.09469L13.8771 11.7349C14.3145 12.5126 13.7525 13.4735 12.8602 13.4735H3.14004C2.24774 13.4735 1.68575 12.5126 2.12321 11.7349L6.98331 3.0947ZM8.14541 3.58496C8.08169 3.47168 7.9186 3.47168 7.85488 3.58496L2.99478 12.2251C2.93229 12.3362 3.01257 12.4735 3.14004 12.4735H12.8602C12.9877 12.4735 13.068 12.3362 13.0055 12.2251L8.14541 3.58496Z\" \/>\n\t\t\t\t\t<\/svg>\n\t\t\t\t<\/span>\n\t\t\t\t<span data-wp-text=\"state.errorMessage\" id=\"g288804-message-textarea-error-message\"><\/span>\n\t\t\t<\/div>\n\t<\/div>\n\t<p class='contact-submit'>\n<div class=\"contact-form__error\" data-wp-class--show-errors=\"state.showFormErrors\"><span class=\"contact-form__warning-icon\" aria-hidden=\"true\"><i><\/i><\/span><span class=\"contact-form__error-message\" tabindex=\"-1\" data-wp-watch=\"callbacks.focusOnValidationError\" data-wp-text=\"state.getFormErrorMessage\"><\/span><ul aria-label=\"Erreurs de formulaire\">\n\t\t\t\t<template data-wp-each=\"state.getErrorList\" data-wp-key=\"context.item.id\">\n\t\t\t\t\t<li><a data-wp-bind--href=\"context.item.anchor\" data-wp-on--click=\"actions.scrollIntoView\" data-wp-text=\"context.item.label\"><\/a><\/li>\n\t\t\t\t<\/template>\n\t\t\t\t<\/ul><\/div><div class=\"contact-form__error\" data-wp-class--show-errors=\"state.showSubmissionError\" data-wp-text=\"context.submissionError\" tabindex=\"-1\" data-wp-watch=\"callbacks.focusOnSubmissionError\"><\/div>\t\t<button type='submit' class='pushbutton-wide'>Envoyer<\/button>\t\t<input type='hidden' name='contact-form-id' value='288804' \/>\n\t\t<input type='hidden' name='action' value='grunion-contact-form' \/>\n\t\t<input type='hidden' name='contact-form-hash' value='e075f1d4c03a7e4435643cd69d201c67ac2cecf1' \/>\n\t<\/p>\n<p style=\"display: none !important;\" class=\"akismet-fields-container\" data-prefix=\"ak_\"><label>&#916;<textarea name=\"ak_hp_textarea\" cols=\"45\" rows=\"8\" maxlength=\"100\"><\/textarea><\/label><input type=\"hidden\" id=\"ak_js_1\" name=\"ak_js\" value=\"14\"\/><script type=\"text\/javascript\">\n\/* <![CDATA[ *\/\ndocument.getElementById( \"ak_js_1\" ).setAttribute( \"value\", ( new Date() ).getTime() );\n\/* ]]> *\/\n<\/script>\n<\/p><\/form>\n<\/div>\n<p>&nbsp;<\/p>\n<p>&nbsp;<\/p>\n<\/div>\n<\/div>\n","protected":false},"excerpt":{"rendered":"<p>OFF MARKET (retir\u00e9 de la vente) Absolute Navetta 58 2022 $1,795,000 usd \u00e0 vendre Absolute s&rsquo;inspire des personnes qui aiment, respectent, connaissent et poss\u00e8dent la mer, tout comme les vrais loups de mer peuvent le faire. C&rsquo;est ainsi qu&rsquo;est n\u00e9 le Navetta 58, la r\u00e9ponse ad\u00e9quate dans de nombreux cas. C&rsquo;est un vrai bateau. Le &hellip; <a href=\"https:\/\/itayachtscanada.com\/fr\/listing\/absolute-navetta-58-2022-1985000-usd-for-sale\/\" class=\"more-link\">Lire la suite <span class=\"screen-reader-text\">Absolute Navetta 58 2022 $1,795,000 usd \u00e0 vendre<\/span> <span class=\"meta-nav\">&rarr;<\/span><\/a><\/p>\n","protected":false},"author":119081455,"featured_media":288808,"parent":0,"menu_order":0,"comment_status":"open","ping_status":"open","template":"","format":"standard","meta":{"_coblocks_attr":"","_coblocks_dimensions":"","_coblocks_responsive_height":"","_coblocks_accordion_ie_support":"","_lmt_disableupdate":"no","_lmt_disable":"no","advanced_seo_description":"","jetpack_seo_html_title":"","jetpack_seo_noindex":false,"footnotes":""},"manufacturer":[6435],"prix":[7653],"years":[6482],"length_feet":[6587],"boat_type":[6464],"price_range":[6580],"localisations":[],"numyacht":[10608,10632,10684],"datevente":[10607,10631,10683,10941,11142,11243],"country":[10755],"states":[10781],"city":[10833],"fresh-water-boat":[10809],"broker":[],"migration":[10888],"class_list":["post-288804","listing","type-listing","status-publish","format-standard","has-post-thumbnail","hentry","manufacturer-absolute-yachts","prix-7653","years-6482","length_feet-between-50-and-59-feets","boat_type-flybridge","price_range-1500000-2999999","numyacht-10608","numyacht-10632","numyacht-10684","datevente-2025-08-28","datevente-2025-09-10","datevente-2025-10-02","datevente-2025-11-26","datevente-2026-01-25","datevente-2026-03-24","country-united-states","states-maryland","city-annapolis","fresh-water-boat-non","migration-non"],"translation":{"provider":"WPGlobus","version":"2.12.2","language":"fr","enabled_languages":["en","fr"],"languages":{"en":{"title":true,"content":true,"excerpt":false},"fr":{"title":true,"content":true,"excerpt":false}}},"jetpack_likes_enabled":true,"jetpack_sharing_enabled":true,"_links":{"self":[{"href":"https:\/\/itayachtscanada.com\/fr\/wp-json\/wp\/v2\/listing\/288804","targetHints":{"allow":["GET"]}}],"collection":[{"href":"https:\/\/itayachtscanada.com\/fr\/wp-json\/wp\/v2\/listing"}],"about":[{"href":"https:\/\/itayachtscanada.com\/fr\/wp-json\/wp\/v2\/types\/listing"}],"author":[{"embeddable":true,"href":"https:\/\/itayachtscanada.com\/fr\/wp-json\/wp\/v2\/users\/119081455"}],"replies":[{"embeddable":true,"href":"https:\/\/itayachtscanada.com\/fr\/wp-json\/wp\/v2\/comments?post=288804"}],"version-history":[{"count":13,"href":"https:\/\/itayachtscanada.com\/fr\/wp-json\/wp\/v2\/listing\/288804\/revisions"}],"predecessor-version":[{"id":300514,"href":"https:\/\/itayachtscanada.com\/fr\/wp-json\/wp\/v2\/listing\/288804\/revisions\/300514"}],"wp:featuredmedia":[{"embeddable":true,"href":"https:\/\/itayachtscanada.com\/fr\/wp-json\/wp\/v2\/media\/288808"}],"wp:attachment":[{"href":"https:\/\/itayachtscanada.com\/fr\/wp-json\/wp\/v2\/media?parent=288804"}],"wp:term":[{"taxonomy":"manufacturer","embeddable":true,"href":"https:\/\/itayachtscanada.com\/fr\/wp-json\/wp\/v2\/manufacturer?post=288804"},{"taxonomy":"prix","embeddable":true,"href":"https:\/\/itayachtscanada.com\/fr\/wp-json\/wp\/v2\/prix?post=288804"},{"taxonomy":"years","embeddable":true,"href":"https:\/\/itayachtscanada.com\/fr\/wp-json\/wp\/v2\/years?post=288804"},{"taxonomy":"length_feet","embeddable":true,"href":"https:\/\/itayachtscanada.com\/fr\/wp-json\/wp\/v2\/length_feet?post=288804"},{"taxonomy":"boat_type","embeddable":true,"href":"https:\/\/itayachtscanada.com\/fr\/wp-json\/wp\/v2\/boat_type?post=288804"},{"taxonomy":"price_range","embeddable":true,"href":"https:\/\/itayachtscanada.com\/fr\/wp-json\/wp\/v2\/price_range?post=288804"},{"taxonomy":"localisations","embeddable":true,"href":"https:\/\/itayachtscanada.com\/fr\/wp-json\/wp\/v2\/localisations?post=288804"},{"taxonomy":"numyacht","embeddable":true,"href":"https:\/\/itayachtscanada.com\/fr\/wp-json\/wp\/v2\/numyacht?post=288804"},{"taxonomy":"datevente","embeddable":true,"href":"https:\/\/itayachtscanada.com\/fr\/wp-json\/wp\/v2\/datevente?post=288804"},{"taxonomy":"country","embeddable":true,"href":"https:\/\/itayachtscanada.com\/fr\/wp-json\/wp\/v2\/country?post=288804"},{"taxonomy":"states","embeddable":true,"href":"https:\/\/itayachtscanada.com\/fr\/wp-json\/wp\/v2\/states?post=288804"},{"taxonomy":"city","embeddable":true,"href":"https:\/\/itayachtscanada.com\/fr\/wp-json\/wp\/v2\/city?post=288804"},{"taxonomy":"fresh-water-boat","embeddable":true,"href":"https:\/\/itayachtscanada.com\/fr\/wp-json\/wp\/v2\/fresh-water-boat?post=288804"},{"taxonomy":"broker","embeddable":true,"href":"https:\/\/itayachtscanada.com\/fr\/wp-json\/wp\/v2\/broker?post=288804"},{"taxonomy":"migration","embeddable":true,"href":"https:\/\/itayachtscanada.com\/fr\/wp-json\/wp\/v2\/migration?post=288804"}],"curies":[{"name":"wp","href":"https:\/\/api.w.org\/{rel}","templated":true}]}}