{"id":282524,"date":"2025-07-25T08:21:34","date_gmt":"2025-07-25T12:21:34","guid":{"rendered":"https:\/\/itayachtscanada.com\/?post_type=listing&#038;p=282524"},"modified":"2026-03-14T10:24:24","modified_gmt":"2026-03-14T14:24:24","slug":"horizon-e81-2022-4699000-usd-for-sale","status":"publish","type":"listing","link":"https:\/\/itayachtscanada.com\/fr\/listing\/horizon-e81-2022-4699000-usd-for-sale\/","title":{"rendered":"Horizon E81 2022 $4,699,000 usd \u00e0 vendre"},"content":{"rendered":"<p>OFF MARKET (pr\u00e9sentement retir\u00e9 de la vente)<\/p>\n<p><strong>Horizon E81 2022 $4,699,000 usd \u00e0 vendre<\/strong><\/p>\n<p>NOUVEAUT\u00c9 SUR LE MARCH\u00c9\u00a0!<\/p>\n<p>Bienvenue \u00e0 bord du magnifique Horizon E81 VALIANT, un yacht \u00e9poustouflant, enti\u00e8rement r\u00e9nov\u00e9 et personnalis\u00e9 par des plaisanciers exp\u00e9riment\u00e9s, en \u00e9troite collaboration avec l&rsquo;\u00e9quipe de conception d&rsquo;Horizon.<\/p>\n<p>Loin d&rsquo;un yacht de s\u00e9rie standard, le VALIANT pr\u00e9sente de nombreuses fonctionnalit\u00e9s bien pens\u00e9es et un design innovant qui repousse les limites de ce que nous imaginions pour un yacht de 81 pieds, alliant fonctionnalit\u00e9 ultime et esth\u00e9tique raffin\u00e9e\u00a0: un \u00e9quilibre difficile \u00e0 atteindre.<\/p>\n<p>Con\u00e7u non seulement pour \u00eatre remarquable, mais aussi pour \u00eatre un v\u00e9ritable croiseur hauturier au long cours, capable de naviguer \u00e0 des vitesses de planing sup\u00e9rieures \u00e0 20\u00a0n\u0153uds pendant de longues p\u00e9riodes si n\u00e9cessaire. Le pont de commandement ferm\u00e9 est un v\u00e9ritable paradis pour le capitaine, avec un espace immense, une excellente visibilit\u00e9 et une climatisation plus que suffisante pour faciliter les longs trajets.<\/p>\n<p>Tous les aspects de la d\u00e9coration int\u00e9rieure ont \u00e9t\u00e9 soigneusement pens\u00e9s et planifi\u00e9s pour cr\u00e9er une harmonie relaxante avec l&rsquo;environnement, conform\u00e9ment aux derni\u00e8res tendances en mati\u00e8re de design \u2013 du rev\u00eatement de sol \u00e0 l&rsquo;\u00e9clairage LED personnalis\u00e9.<\/p>\n<p>VALIANT offre une excellente occasion de louer un navire impeccable et frais, pr\u00eat \u00e0 naviguer imm\u00e9diatement. N&rsquo;attendez plus\u00a0! Saisissez cette occasion unique et vivez une nouvelle aventure.<\/p>\n<h3>Cet Horizon E81 est situ\u00e9 \u00e0 New York. Pour plus de d\u00e9tails, veuillez nous contacter au 514-521-1221. Nos bureaux sont situ\u00e9s en banlieue de Montr\u00e9al.<\/h3>\n<p><a href=\"https:\/\/app.cloudpano.com\/tours\/wb0UYERse\">Cliquez ici<\/a> pour une visite virtuelle de l&rsquo;Horizon E81<\/p>\n<p>Dimensions<br \/>\nLongueur hors tout : 24,7 m ou 81 pi<br \/>\nLargeur : 6,1 m ou 20 pi 6 po<br \/>\nTirant d&rsquo;eau maximal : 1,8 m ou 5 pi 11 po<br \/>\nPoids<br \/>\nPoids \u00e0 sec : 68 800 kg ou 153,882 lbs<br \/>\nVitesse<br \/>\nVitesse de croisi\u00e8re\u00a0: 21\u00a0n\u0153uds \u00e0 tr\/min<br \/>\nVitesse coque\u00a0: 26\u00a0n\u0153uds \u00e0 tr\/min<br \/>\nR\u00e9servoirs<br \/>\nCarburant\u00a0: 1 (9\u00a0200\u00a0gal)<br \/>\nEau douce\u00a0: 1 (1\u00a0480\u00a0gal)<br \/>\nEau de mer\u00a0: 1 (490\u00a0gal)<br \/>\nAm\u00e9nagements<br \/>\nCabines invit\u00e9s\u00a0: 3<br \/>\nToilettes invit\u00e9s\u00a0: 4<\/p>\n<p>MOTORISATIONS\u00a0:<\/p>\n<p>2022 CAT C32A (Moteur\u00a01)<br \/>\nType de moteur\u00a0: in-bord<br \/>\nType de carburant\u00a0: Diesel<br \/>\nHeures moteur\u00a0: 1\u00a0184<br \/>\nPuissance\u00a0: 1\u00a0700\u00a0ch<br \/>\nType de transmission\u00a0: arbre<\/p>\n<p>2022 CAT C32A (Moteur) 2)<br \/>\nType de moteur\u00a0: in-bord<br \/>\nType de carburant\u00a0: diesel<br \/>\nHeures moteur\u00a0: 1\u00a0184<br \/>\nPuissance\u00a0: 1\u00a0700 ch<\/p>\n<div class=\"html-content-description\">\n<div class=\"content-box\">\n<div class=\"column-container cols-3\">\n<div class=\"column\">\n<div class=\"column-item\">\n<div>\n<div class=\"content-box\">\n<div class=\"column-container cols-3\">\n<div class=\"column\">\n<div class=\"column-item\">\n<div><\/div>\n<div>\n<div data-carousel-extra='{&quot;blog_id&quot;:1,&quot;permalink&quot;:&quot;https:\/\/itayachtscanada.com\/fr\/listing\/horizon-e81-2022-4699000-usd-for-sale\/&quot;}' id='gallery-1' class='gallery galleryid-282524 gallery-columns-3 gallery-size-medium'><figure class='gallery-item'>\n\t\t\t<div class='gallery-icon landscape'>\n\t\t\t\t<a href='https:\/\/itayachtscanada.com\/fr\/listing\/horizon-e81-2022-4699000-usd-for-sale\/horizon-e81-2022\/'><img loading=\"lazy\" decoding=\"async\" width=\"300\" height=\"205\" src=\"https:\/\/i0.wp.com\/itayachtscanada.com\/wp-content\/uploads\/2025\/07\/Horizon-E81-2022.jpg?fit=300%2C205&amp;ssl=1\" class=\"attachment-medium size-medium\" alt=\"\" srcset=\"https:\/\/i0.wp.com\/itayachtscanada.com\/wp-content\/uploads\/2025\/07\/Horizon-E81-2022.jpg?w=1368&amp;ssl=1 1368w, https:\/\/i0.wp.com\/itayachtscanada.com\/wp-content\/uploads\/2025\/07\/Horizon-E81-2022.jpg?resize=300%2C205&amp;ssl=1 300w, https:\/\/i0.wp.com\/itayachtscanada.com\/wp-content\/uploads\/2025\/07\/Horizon-E81-2022.jpg?resize=1024%2C701&amp;ssl=1 1024w, https:\/\/i0.wp.com\/itayachtscanada.com\/wp-content\/uploads\/2025\/07\/Horizon-E81-2022.jpg?resize=768%2C525&amp;ssl=1 768w, https:\/\/i0.wp.com\/itayachtscanada.com\/wp-content\/uploads\/2025\/07\/Horizon-E81-2022.jpg?resize=700%2C479&amp;ssl=1 700w, https:\/\/i0.wp.com\/itayachtscanada.com\/wp-content\/uploads\/2025\/07\/Horizon-E81-2022.jpg?resize=585%2C400&amp;ssl=1 585w\" sizes=\"auto, (max-width: 300px) 100vw, 300px\" data-attachment-id=\"282527\" data-permalink=\"https:\/\/itayachtscanada.com\/fr\/listing\/horizon-e81-2022-4699000-usd-for-sale\/horizon-e81-2022\/\" data-orig-file=\"https:\/\/i0.wp.com\/itayachtscanada.com\/wp-content\/uploads\/2025\/07\/Horizon-E81-2022.jpg?fit=1368%2C936&amp;ssl=1\" data-orig-size=\"1368,936\" data-comments-opened=\"1\" data-image-meta=\"{&quot;aperture&quot;:&quot;0&quot;,&quot;credit&quot;:&quot;&quot;,&quot;camera&quot;:&quot;&quot;,&quot;caption&quot;:&quot;&quot;,&quot;created_timestamp&quot;:&quot;0&quot;,&quot;copyright&quot;:&quot;&quot;,&quot;focal_length&quot;:&quot;0&quot;,&quot;iso&quot;:&quot;0&quot;,&quot;shutter_speed&quot;:&quot;0&quot;,&quot;title&quot;:&quot;&quot;,&quot;orientation&quot;:&quot;0&quot;}\" data-image-title=\"Horizon E81 2022\" data-image-description=\"\" data-image-caption=\"\" data-large-file=\"https:\/\/i0.wp.com\/itayachtscanada.com\/wp-content\/uploads\/2025\/07\/Horizon-E81-2022.jpg?fit=700%2C479&amp;ssl=1\" \/><\/a>\n\t\t\t<\/div><\/figure><figure class='gallery-item'>\n\t\t\t<div class='gallery-icon landscape'>\n\t\t\t\t<a href='https:\/\/itayachtscanada.com\/fr\/listing\/horizon-e81-2022-4699000-usd-for-sale\/horizon-e81-2022-bow\/'><img loading=\"lazy\" decoding=\"async\" width=\"300\" height=\"202\" src=\"https:\/\/i0.wp.com\/itayachtscanada.com\/wp-content\/uploads\/2025\/07\/Horizon-E81-2022-bow.jpg?fit=300%2C202&amp;ssl=1\" class=\"attachment-medium size-medium\" alt=\"\" srcset=\"https:\/\/i0.wp.com\/itayachtscanada.com\/wp-content\/uploads\/2025\/07\/Horizon-E81-2022-bow.jpg?w=1392&amp;ssl=1 1392w, https:\/\/i0.wp.com\/itayachtscanada.com\/wp-content\/uploads\/2025\/07\/Horizon-E81-2022-bow.jpg?resize=300%2C202&amp;ssl=1 300w, https:\/\/i0.wp.com\/itayachtscanada.com\/wp-content\/uploads\/2025\/07\/Horizon-E81-2022-bow.jpg?resize=1024%2C689&amp;ssl=1 1024w, https:\/\/i0.wp.com\/itayachtscanada.com\/wp-content\/uploads\/2025\/07\/Horizon-E81-2022-bow.jpg?resize=768%2C516&amp;ssl=1 768w, https:\/\/i0.wp.com\/itayachtscanada.com\/wp-content\/uploads\/2025\/07\/Horizon-E81-2022-bow.jpg?resize=700%2C471&amp;ssl=1 700w, https:\/\/i0.wp.com\/itayachtscanada.com\/wp-content\/uploads\/2025\/07\/Horizon-E81-2022-bow.jpg?resize=595%2C400&amp;ssl=1 595w\" sizes=\"auto, (max-width: 300px) 100vw, 300px\" data-attachment-id=\"282533\" data-permalink=\"https:\/\/itayachtscanada.com\/fr\/listing\/horizon-e81-2022-4699000-usd-for-sale\/horizon-e81-2022-bow\/\" data-orig-file=\"https:\/\/i0.wp.com\/itayachtscanada.com\/wp-content\/uploads\/2025\/07\/Horizon-E81-2022-bow.jpg?fit=1392%2C936&amp;ssl=1\" data-orig-size=\"1392,936\" data-comments-opened=\"1\" data-image-meta=\"{&quot;aperture&quot;:&quot;0&quot;,&quot;credit&quot;:&quot;&quot;,&quot;camera&quot;:&quot;&quot;,&quot;caption&quot;:&quot;&quot;,&quot;created_timestamp&quot;:&quot;0&quot;,&quot;copyright&quot;:&quot;&quot;,&quot;focal_length&quot;:&quot;0&quot;,&quot;iso&quot;:&quot;0&quot;,&quot;shutter_speed&quot;:&quot;0&quot;,&quot;title&quot;:&quot;&quot;,&quot;orientation&quot;:&quot;0&quot;}\" data-image-title=\"Horizon E81 2022 bow\" data-image-description=\"\" data-image-caption=\"\" data-large-file=\"https:\/\/i0.wp.com\/itayachtscanada.com\/wp-content\/uploads\/2025\/07\/Horizon-E81-2022-bow.jpg?fit=700%2C471&amp;ssl=1\" \/><\/a>\n\t\t\t<\/div><\/figure><figure class='gallery-item'>\n\t\t\t<div class='gallery-icon landscape'>\n\t\t\t\t<a href='https:\/\/itayachtscanada.com\/fr\/listing\/horizon-e81-2022-4699000-usd-for-sale\/capture-decran-le-2025-07-25-a-07-31-31\/'><img loading=\"lazy\" decoding=\"async\" width=\"300\" height=\"202\" src=\"https:\/\/i0.wp.com\/itayachtscanada.com\/wp-content\/uploads\/2025\/07\/Capture-decran-le-2025-07-25-a-07.31.31.jpg?fit=300%2C202&amp;ssl=1\" class=\"attachment-medium size-medium\" alt=\"\" srcset=\"https:\/\/i0.wp.com\/itayachtscanada.com\/wp-content\/uploads\/2025\/07\/Capture-decran-le-2025-07-25-a-07.31.31.jpg?w=1392&amp;ssl=1 1392w, https:\/\/i0.wp.com\/itayachtscanada.com\/wp-content\/uploads\/2025\/07\/Capture-decran-le-2025-07-25-a-07.31.31.jpg?resize=300%2C202&amp;ssl=1 300w, https:\/\/i0.wp.com\/itayachtscanada.com\/wp-content\/uploads\/2025\/07\/Capture-decran-le-2025-07-25-a-07.31.31.jpg?resize=1024%2C689&amp;ssl=1 1024w, https:\/\/i0.wp.com\/itayachtscanada.com\/wp-content\/uploads\/2025\/07\/Capture-decran-le-2025-07-25-a-07.31.31.jpg?resize=768%2C516&amp;ssl=1 768w, https:\/\/i0.wp.com\/itayachtscanada.com\/wp-content\/uploads\/2025\/07\/Capture-decran-le-2025-07-25-a-07.31.31.jpg?resize=700%2C471&amp;ssl=1 700w, https:\/\/i0.wp.com\/itayachtscanada.com\/wp-content\/uploads\/2025\/07\/Capture-decran-le-2025-07-25-a-07.31.31.jpg?resize=595%2C400&amp;ssl=1 595w\" sizes=\"auto, (max-width: 300px) 100vw, 300px\" data-attachment-id=\"282530\" data-permalink=\"https:\/\/itayachtscanada.com\/fr\/listing\/horizon-e81-2022-4699000-usd-for-sale\/capture-decran-le-2025-07-25-a-07-31-31\/\" data-orig-file=\"https:\/\/i0.wp.com\/itayachtscanada.com\/wp-content\/uploads\/2025\/07\/Capture-decran-le-2025-07-25-a-07.31.31.jpg?fit=1392%2C936&amp;ssl=1\" data-orig-size=\"1392,936\" data-comments-opened=\"1\" data-image-meta=\"{&quot;aperture&quot;:&quot;0&quot;,&quot;credit&quot;:&quot;&quot;,&quot;camera&quot;:&quot;&quot;,&quot;caption&quot;:&quot;&quot;,&quot;created_timestamp&quot;:&quot;0&quot;,&quot;copyright&quot;:&quot;&quot;,&quot;focal_length&quot;:&quot;0&quot;,&quot;iso&quot;:&quot;0&quot;,&quot;shutter_speed&quot;:&quot;0&quot;,&quot;title&quot;:&quot;&quot;,&quot;orientation&quot;:&quot;0&quot;}\" data-image-title=\"Capture d\u2019e\u0301cran, le 2025-07-25 a\u0300 07.31.31\" data-image-description=\"\" data-image-caption=\"\" data-large-file=\"https:\/\/i0.wp.com\/itayachtscanada.com\/wp-content\/uploads\/2025\/07\/Capture-decran-le-2025-07-25-a-07.31.31.jpg?fit=700%2C471&amp;ssl=1\" \/><\/a>\n\t\t\t<\/div><\/figure><figure class='gallery-item'>\n\t\t\t<div class='gallery-icon landscape'>\n\t\t\t\t<a href='https:\/\/itayachtscanada.com\/fr\/listing\/horizon-e81-2022-4699000-usd-for-sale\/capture-decran-le-2025-07-25-a-07-31-28\/'><img loading=\"lazy\" decoding=\"async\" width=\"300\" height=\"202\" src=\"https:\/\/i0.wp.com\/itayachtscanada.com\/wp-content\/uploads\/2025\/07\/Capture-decran-le-2025-07-25-a-07.31.28.jpg?fit=300%2C202&amp;ssl=1\" class=\"attachment-medium size-medium\" alt=\"\" srcset=\"https:\/\/i0.wp.com\/itayachtscanada.com\/wp-content\/uploads\/2025\/07\/Capture-decran-le-2025-07-25-a-07.31.28.jpg?w=1392&amp;ssl=1 1392w, https:\/\/i0.wp.com\/itayachtscanada.com\/wp-content\/uploads\/2025\/07\/Capture-decran-le-2025-07-25-a-07.31.28.jpg?resize=300%2C202&amp;ssl=1 300w, https:\/\/i0.wp.com\/itayachtscanada.com\/wp-content\/uploads\/2025\/07\/Capture-decran-le-2025-07-25-a-07.31.28.jpg?resize=1024%2C689&amp;ssl=1 1024w, https:\/\/i0.wp.com\/itayachtscanada.com\/wp-content\/uploads\/2025\/07\/Capture-decran-le-2025-07-25-a-07.31.28.jpg?resize=768%2C516&amp;ssl=1 768w, https:\/\/i0.wp.com\/itayachtscanada.com\/wp-content\/uploads\/2025\/07\/Capture-decran-le-2025-07-25-a-07.31.28.jpg?resize=700%2C471&amp;ssl=1 700w, https:\/\/i0.wp.com\/itayachtscanada.com\/wp-content\/uploads\/2025\/07\/Capture-decran-le-2025-07-25-a-07.31.28.jpg?resize=595%2C400&amp;ssl=1 595w\" sizes=\"auto, (max-width: 300px) 100vw, 300px\" data-attachment-id=\"282531\" data-permalink=\"https:\/\/itayachtscanada.com\/fr\/listing\/horizon-e81-2022-4699000-usd-for-sale\/capture-decran-le-2025-07-25-a-07-31-28\/\" data-orig-file=\"https:\/\/i0.wp.com\/itayachtscanada.com\/wp-content\/uploads\/2025\/07\/Capture-decran-le-2025-07-25-a-07.31.28.jpg?fit=1392%2C936&amp;ssl=1\" data-orig-size=\"1392,936\" data-comments-opened=\"1\" data-image-meta=\"{&quot;aperture&quot;:&quot;0&quot;,&quot;credit&quot;:&quot;&quot;,&quot;camera&quot;:&quot;&quot;,&quot;caption&quot;:&quot;&quot;,&quot;created_timestamp&quot;:&quot;0&quot;,&quot;copyright&quot;:&quot;&quot;,&quot;focal_length&quot;:&quot;0&quot;,&quot;iso&quot;:&quot;0&quot;,&quot;shutter_speed&quot;:&quot;0&quot;,&quot;title&quot;:&quot;&quot;,&quot;orientation&quot;:&quot;0&quot;}\" data-image-title=\"Capture d\u2019e\u0301cran, le 2025-07-25 a\u0300 07.31.28\" data-image-description=\"\" data-image-caption=\"\" data-large-file=\"https:\/\/i0.wp.com\/itayachtscanada.com\/wp-content\/uploads\/2025\/07\/Capture-decran-le-2025-07-25-a-07.31.28.jpg?fit=700%2C471&amp;ssl=1\" \/><\/a>\n\t\t\t<\/div><\/figure><figure class='gallery-item'>\n\t\t\t<div class='gallery-icon landscape'>\n\t\t\t\t<a href='https:\/\/itayachtscanada.com\/fr\/listing\/horizon-e81-2022-4699000-usd-for-sale\/capture-decran-le-2025-07-25-a-07-31-25\/'><img loading=\"lazy\" decoding=\"async\" width=\"300\" height=\"202\" src=\"https:\/\/i0.wp.com\/itayachtscanada.com\/wp-content\/uploads\/2025\/07\/Capture-decran-le-2025-07-25-a-07.31.25.jpg?fit=300%2C202&amp;ssl=1\" class=\"attachment-medium size-medium\" alt=\"\" srcset=\"https:\/\/i0.wp.com\/itayachtscanada.com\/wp-content\/uploads\/2025\/07\/Capture-decran-le-2025-07-25-a-07.31.25.jpg?w=1392&amp;ssl=1 1392w, https:\/\/i0.wp.com\/itayachtscanada.com\/wp-content\/uploads\/2025\/07\/Capture-decran-le-2025-07-25-a-07.31.25.jpg?resize=300%2C202&amp;ssl=1 300w, https:\/\/i0.wp.com\/itayachtscanada.com\/wp-content\/uploads\/2025\/07\/Capture-decran-le-2025-07-25-a-07.31.25.jpg?resize=1024%2C689&amp;ssl=1 1024w, https:\/\/i0.wp.com\/itayachtscanada.com\/wp-content\/uploads\/2025\/07\/Capture-decran-le-2025-07-25-a-07.31.25.jpg?resize=768%2C516&amp;ssl=1 768w, https:\/\/i0.wp.com\/itayachtscanada.com\/wp-content\/uploads\/2025\/07\/Capture-decran-le-2025-07-25-a-07.31.25.jpg?resize=700%2C471&amp;ssl=1 700w, https:\/\/i0.wp.com\/itayachtscanada.com\/wp-content\/uploads\/2025\/07\/Capture-decran-le-2025-07-25-a-07.31.25.jpg?resize=595%2C400&amp;ssl=1 595w\" sizes=\"auto, (max-width: 300px) 100vw, 300px\" data-attachment-id=\"282532\" data-permalink=\"https:\/\/itayachtscanada.com\/fr\/listing\/horizon-e81-2022-4699000-usd-for-sale\/capture-decran-le-2025-07-25-a-07-31-25\/\" data-orig-file=\"https:\/\/i0.wp.com\/itayachtscanada.com\/wp-content\/uploads\/2025\/07\/Capture-decran-le-2025-07-25-a-07.31.25.jpg?fit=1392%2C936&amp;ssl=1\" data-orig-size=\"1392,936\" data-comments-opened=\"1\" data-image-meta=\"{&quot;aperture&quot;:&quot;0&quot;,&quot;credit&quot;:&quot;&quot;,&quot;camera&quot;:&quot;&quot;,&quot;caption&quot;:&quot;&quot;,&quot;created_timestamp&quot;:&quot;0&quot;,&quot;copyright&quot;:&quot;&quot;,&quot;focal_length&quot;:&quot;0&quot;,&quot;iso&quot;:&quot;0&quot;,&quot;shutter_speed&quot;:&quot;0&quot;,&quot;title&quot;:&quot;&quot;,&quot;orientation&quot;:&quot;0&quot;}\" data-image-title=\"Capture d\u2019e\u0301cran, le 2025-07-25 a\u0300 07.31.25\" data-image-description=\"\" data-image-caption=\"\" data-large-file=\"https:\/\/i0.wp.com\/itayachtscanada.com\/wp-content\/uploads\/2025\/07\/Capture-decran-le-2025-07-25-a-07.31.25.jpg?fit=700%2C471&amp;ssl=1\" \/><\/a>\n\t\t\t<\/div><\/figure><figure class='gallery-item'>\n\t\t\t<div class='gallery-icon landscape'>\n\t\t\t\t<a href='https:\/\/itayachtscanada.com\/fr\/listing\/horizon-e81-2022-4699000-usd-for-sale\/capture-decran-le-2025-07-25-a-07-31-35\/'><img loading=\"lazy\" decoding=\"async\" width=\"300\" height=\"202\" src=\"https:\/\/i0.wp.com\/itayachtscanada.com\/wp-content\/uploads\/2025\/07\/Capture-decran-le-2025-07-25-a-07.31.35.jpg?fit=300%2C202&amp;ssl=1\" class=\"attachment-medium size-medium\" alt=\"\" srcset=\"https:\/\/i0.wp.com\/itayachtscanada.com\/wp-content\/uploads\/2025\/07\/Capture-decran-le-2025-07-25-a-07.31.35.jpg?w=1392&amp;ssl=1 1392w, https:\/\/i0.wp.com\/itayachtscanada.com\/wp-content\/uploads\/2025\/07\/Capture-decran-le-2025-07-25-a-07.31.35.jpg?resize=300%2C202&amp;ssl=1 300w, https:\/\/i0.wp.com\/itayachtscanada.com\/wp-content\/uploads\/2025\/07\/Capture-decran-le-2025-07-25-a-07.31.35.jpg?resize=1024%2C689&amp;ssl=1 1024w, https:\/\/i0.wp.com\/itayachtscanada.com\/wp-content\/uploads\/2025\/07\/Capture-decran-le-2025-07-25-a-07.31.35.jpg?resize=768%2C516&amp;ssl=1 768w, https:\/\/i0.wp.com\/itayachtscanada.com\/wp-content\/uploads\/2025\/07\/Capture-decran-le-2025-07-25-a-07.31.35.jpg?resize=700%2C471&amp;ssl=1 700w, https:\/\/i0.wp.com\/itayachtscanada.com\/wp-content\/uploads\/2025\/07\/Capture-decran-le-2025-07-25-a-07.31.35.jpg?resize=595%2C400&amp;ssl=1 595w\" sizes=\"auto, (max-width: 300px) 100vw, 300px\" data-attachment-id=\"282529\" data-permalink=\"https:\/\/itayachtscanada.com\/fr\/listing\/horizon-e81-2022-4699000-usd-for-sale\/capture-decran-le-2025-07-25-a-07-31-35\/\" data-orig-file=\"https:\/\/i0.wp.com\/itayachtscanada.com\/wp-content\/uploads\/2025\/07\/Capture-decran-le-2025-07-25-a-07.31.35.jpg?fit=1392%2C936&amp;ssl=1\" data-orig-size=\"1392,936\" data-comments-opened=\"1\" data-image-meta=\"{&quot;aperture&quot;:&quot;0&quot;,&quot;credit&quot;:&quot;&quot;,&quot;camera&quot;:&quot;&quot;,&quot;caption&quot;:&quot;&quot;,&quot;created_timestamp&quot;:&quot;0&quot;,&quot;copyright&quot;:&quot;&quot;,&quot;focal_length&quot;:&quot;0&quot;,&quot;iso&quot;:&quot;0&quot;,&quot;shutter_speed&quot;:&quot;0&quot;,&quot;title&quot;:&quot;&quot;,&quot;orientation&quot;:&quot;0&quot;}\" data-image-title=\"Capture d\u2019e\u0301cran, le 2025-07-25 a\u0300 07.31.35\" data-image-description=\"\" data-image-caption=\"\" data-large-file=\"https:\/\/i0.wp.com\/itayachtscanada.com\/wp-content\/uploads\/2025\/07\/Capture-decran-le-2025-07-25-a-07.31.35.jpg?fit=700%2C471&amp;ssl=1\" \/><\/a>\n\t\t\t<\/div><\/figure><figure class='gallery-item'>\n\t\t\t<div class='gallery-icon landscape'>\n\t\t\t\t<a href='https:\/\/itayachtscanada.com\/fr\/listing\/horizon-e81-2022-4699000-usd-for-sale\/capture-decran-le-2025-07-25-a-07-31-52\/'><img loading=\"lazy\" decoding=\"async\" width=\"300\" height=\"231\" src=\"https:\/\/i0.wp.com\/itayachtscanada.com\/wp-content\/uploads\/2025\/07\/Capture-decran-le-2025-07-25-a-07.31.52.jpg?fit=300%2C231&amp;ssl=1\" class=\"attachment-medium size-medium\" alt=\"\" srcset=\"https:\/\/i0.wp.com\/itayachtscanada.com\/wp-content\/uploads\/2025\/07\/Capture-decran-le-2025-07-25-a-07.31.52.jpg?w=1218&amp;ssl=1 1218w, https:\/\/i0.wp.com\/itayachtscanada.com\/wp-content\/uploads\/2025\/07\/Capture-decran-le-2025-07-25-a-07.31.52.jpg?resize=300%2C231&amp;ssl=1 300w, https:\/\/i0.wp.com\/itayachtscanada.com\/wp-content\/uploads\/2025\/07\/Capture-decran-le-2025-07-25-a-07.31.52.jpg?resize=1024%2C787&amp;ssl=1 1024w, https:\/\/i0.wp.com\/itayachtscanada.com\/wp-content\/uploads\/2025\/07\/Capture-decran-le-2025-07-25-a-07.31.52.jpg?resize=768%2C590&amp;ssl=1 768w, https:\/\/i0.wp.com\/itayachtscanada.com\/wp-content\/uploads\/2025\/07\/Capture-decran-le-2025-07-25-a-07.31.52.jpg?resize=700%2C538&amp;ssl=1 700w, https:\/\/i0.wp.com\/itayachtscanada.com\/wp-content\/uploads\/2025\/07\/Capture-decran-le-2025-07-25-a-07.31.52.jpg?resize=521%2C400&amp;ssl=1 521w\" sizes=\"auto, (max-width: 300px) 100vw, 300px\" data-attachment-id=\"282528\" data-permalink=\"https:\/\/itayachtscanada.com\/fr\/listing\/horizon-e81-2022-4699000-usd-for-sale\/capture-decran-le-2025-07-25-a-07-31-52\/\" data-orig-file=\"https:\/\/i0.wp.com\/itayachtscanada.com\/wp-content\/uploads\/2025\/07\/Capture-decran-le-2025-07-25-a-07.31.52.jpg?fit=1218%2C936&amp;ssl=1\" data-orig-size=\"1218,936\" data-comments-opened=\"1\" data-image-meta=\"{&quot;aperture&quot;:&quot;0&quot;,&quot;credit&quot;:&quot;&quot;,&quot;camera&quot;:&quot;&quot;,&quot;caption&quot;:&quot;&quot;,&quot;created_timestamp&quot;:&quot;0&quot;,&quot;copyright&quot;:&quot;&quot;,&quot;focal_length&quot;:&quot;0&quot;,&quot;iso&quot;:&quot;0&quot;,&quot;shutter_speed&quot;:&quot;0&quot;,&quot;title&quot;:&quot;&quot;,&quot;orientation&quot;:&quot;0&quot;}\" data-image-title=\"Capture d\u2019e\u0301cran, le 2025-07-25 a\u0300 07.31.52\" data-image-description=\"\" data-image-caption=\"\" data-large-file=\"https:\/\/i0.wp.com\/itayachtscanada.com\/wp-content\/uploads\/2025\/07\/Capture-decran-le-2025-07-25-a-07.31.52.jpg?fit=700%2C538&amp;ssl=1\" \/><\/a>\n\t\t\t<\/div><\/figure><figure class='gallery-item'>\n\t\t\t<div class='gallery-icon landscape'>\n\t\t\t\t<a href='https:\/\/itayachtscanada.com\/fr\/listing\/horizon-e81-2022-4699000-usd-for-sale\/capture-decran-le-2025-07-25-a-07-30-58\/'><img loading=\"lazy\" decoding=\"async\" width=\"300\" height=\"202\" src=\"https:\/\/i0.wp.com\/itayachtscanada.com\/wp-content\/uploads\/2025\/07\/Capture-decran-le-2025-07-25-a-07.30.58.jpg?fit=300%2C202&amp;ssl=1\" class=\"attachment-medium size-medium\" alt=\"\" srcset=\"https:\/\/i0.wp.com\/itayachtscanada.com\/wp-content\/uploads\/2025\/07\/Capture-decran-le-2025-07-25-a-07.30.58.jpg?w=1392&amp;ssl=1 1392w, https:\/\/i0.wp.com\/itayachtscanada.com\/wp-content\/uploads\/2025\/07\/Capture-decran-le-2025-07-25-a-07.30.58.jpg?resize=300%2C202&amp;ssl=1 300w, https:\/\/i0.wp.com\/itayachtscanada.com\/wp-content\/uploads\/2025\/07\/Capture-decran-le-2025-07-25-a-07.30.58.jpg?resize=1024%2C689&amp;ssl=1 1024w, https:\/\/i0.wp.com\/itayachtscanada.com\/wp-content\/uploads\/2025\/07\/Capture-decran-le-2025-07-25-a-07.30.58.jpg?resize=768%2C516&amp;ssl=1 768w, https:\/\/i0.wp.com\/itayachtscanada.com\/wp-content\/uploads\/2025\/07\/Capture-decran-le-2025-07-25-a-07.30.58.jpg?resize=700%2C471&amp;ssl=1 700w, https:\/\/i0.wp.com\/itayachtscanada.com\/wp-content\/uploads\/2025\/07\/Capture-decran-le-2025-07-25-a-07.30.58.jpg?resize=595%2C400&amp;ssl=1 595w\" sizes=\"auto, (max-width: 300px) 100vw, 300px\" data-attachment-id=\"282534\" data-permalink=\"https:\/\/itayachtscanada.com\/fr\/listing\/horizon-e81-2022-4699000-usd-for-sale\/capture-decran-le-2025-07-25-a-07-30-58\/\" data-orig-file=\"https:\/\/i0.wp.com\/itayachtscanada.com\/wp-content\/uploads\/2025\/07\/Capture-decran-le-2025-07-25-a-07.30.58.jpg?fit=1392%2C936&amp;ssl=1\" data-orig-size=\"1392,936\" data-comments-opened=\"1\" data-image-meta=\"{&quot;aperture&quot;:&quot;0&quot;,&quot;credit&quot;:&quot;&quot;,&quot;camera&quot;:&quot;&quot;,&quot;caption&quot;:&quot;&quot;,&quot;created_timestamp&quot;:&quot;0&quot;,&quot;copyright&quot;:&quot;&quot;,&quot;focal_length&quot;:&quot;0&quot;,&quot;iso&quot;:&quot;0&quot;,&quot;shutter_speed&quot;:&quot;0&quot;,&quot;title&quot;:&quot;&quot;,&quot;orientation&quot;:&quot;0&quot;}\" data-image-title=\"Capture d\u2019e\u0301cran, le 2025-07-25 a\u0300 07.30.58\" data-image-description=\"\" data-image-caption=\"\" data-large-file=\"https:\/\/i0.wp.com\/itayachtscanada.com\/wp-content\/uploads\/2025\/07\/Capture-decran-le-2025-07-25-a-07.30.58.jpg?fit=700%2C471&amp;ssl=1\" \/><\/a>\n\t\t\t<\/div><\/figure><figure class='gallery-item'>\n\t\t\t<div class='gallery-icon landscape'>\n\t\t\t\t<a href='https:\/\/itayachtscanada.com\/fr\/listing\/horizon-e81-2022-4699000-usd-for-sale\/capture-decran-le-2025-07-25-a-07-29-52\/'><img loading=\"lazy\" decoding=\"async\" width=\"300\" height=\"202\" src=\"https:\/\/i0.wp.com\/itayachtscanada.com\/wp-content\/uploads\/2025\/07\/Capture-decran-le-2025-07-25-a-07.29.52.jpg?fit=300%2C202&amp;ssl=1\" class=\"attachment-medium size-medium\" alt=\"\" srcset=\"https:\/\/i0.wp.com\/itayachtscanada.com\/wp-content\/uploads\/2025\/07\/Capture-decran-le-2025-07-25-a-07.29.52.jpg?w=1392&amp;ssl=1 1392w, https:\/\/i0.wp.com\/itayachtscanada.com\/wp-content\/uploads\/2025\/07\/Capture-decran-le-2025-07-25-a-07.29.52.jpg?resize=300%2C202&amp;ssl=1 300w, https:\/\/i0.wp.com\/itayachtscanada.com\/wp-content\/uploads\/2025\/07\/Capture-decran-le-2025-07-25-a-07.29.52.jpg?resize=1024%2C689&amp;ssl=1 1024w, https:\/\/i0.wp.com\/itayachtscanada.com\/wp-content\/uploads\/2025\/07\/Capture-decran-le-2025-07-25-a-07.29.52.jpg?resize=768%2C516&amp;ssl=1 768w, https:\/\/i0.wp.com\/itayachtscanada.com\/wp-content\/uploads\/2025\/07\/Capture-decran-le-2025-07-25-a-07.29.52.jpg?resize=700%2C471&amp;ssl=1 700w, https:\/\/i0.wp.com\/itayachtscanada.com\/wp-content\/uploads\/2025\/07\/Capture-decran-le-2025-07-25-a-07.29.52.jpg?resize=595%2C400&amp;ssl=1 595w\" sizes=\"auto, (max-width: 300px) 100vw, 300px\" data-attachment-id=\"282544\" data-permalink=\"https:\/\/itayachtscanada.com\/fr\/listing\/horizon-e81-2022-4699000-usd-for-sale\/capture-decran-le-2025-07-25-a-07-29-52\/\" data-orig-file=\"https:\/\/i0.wp.com\/itayachtscanada.com\/wp-content\/uploads\/2025\/07\/Capture-decran-le-2025-07-25-a-07.29.52.jpg?fit=1392%2C936&amp;ssl=1\" data-orig-size=\"1392,936\" data-comments-opened=\"1\" data-image-meta=\"{&quot;aperture&quot;:&quot;0&quot;,&quot;credit&quot;:&quot;&quot;,&quot;camera&quot;:&quot;&quot;,&quot;caption&quot;:&quot;&quot;,&quot;created_timestamp&quot;:&quot;0&quot;,&quot;copyright&quot;:&quot;&quot;,&quot;focal_length&quot;:&quot;0&quot;,&quot;iso&quot;:&quot;0&quot;,&quot;shutter_speed&quot;:&quot;0&quot;,&quot;title&quot;:&quot;&quot;,&quot;orientation&quot;:&quot;0&quot;}\" data-image-title=\"Capture d\u2019e\u0301cran, le 2025-07-25 a\u0300 07.29.52\" data-image-description=\"\" data-image-caption=\"\" data-large-file=\"https:\/\/i0.wp.com\/itayachtscanada.com\/wp-content\/uploads\/2025\/07\/Capture-decran-le-2025-07-25-a-07.29.52.jpg?fit=700%2C471&amp;ssl=1\" \/><\/a>\n\t\t\t<\/div><\/figure><figure class='gallery-item'>\n\t\t\t<div class='gallery-icon landscape'>\n\t\t\t\t<a href='https:\/\/itayachtscanada.com\/fr\/listing\/horizon-e81-2022-4699000-usd-for-sale\/capture-decran-le-2025-07-25-a-07-30-23\/'><img loading=\"lazy\" decoding=\"async\" width=\"300\" height=\"202\" src=\"https:\/\/i0.wp.com\/itayachtscanada.com\/wp-content\/uploads\/2025\/07\/Capture-decran-le-2025-07-25-a-07.30.23.jpg?fit=300%2C202&amp;ssl=1\" class=\"attachment-medium size-medium\" alt=\"\" srcset=\"https:\/\/i0.wp.com\/itayachtscanada.com\/wp-content\/uploads\/2025\/07\/Capture-decran-le-2025-07-25-a-07.30.23.jpg?w=1392&amp;ssl=1 1392w, https:\/\/i0.wp.com\/itayachtscanada.com\/wp-content\/uploads\/2025\/07\/Capture-decran-le-2025-07-25-a-07.30.23.jpg?resize=300%2C202&amp;ssl=1 300w, https:\/\/i0.wp.com\/itayachtscanada.com\/wp-content\/uploads\/2025\/07\/Capture-decran-le-2025-07-25-a-07.30.23.jpg?resize=1024%2C689&amp;ssl=1 1024w, https:\/\/i0.wp.com\/itayachtscanada.com\/wp-content\/uploads\/2025\/07\/Capture-decran-le-2025-07-25-a-07.30.23.jpg?resize=768%2C516&amp;ssl=1 768w, https:\/\/i0.wp.com\/itayachtscanada.com\/wp-content\/uploads\/2025\/07\/Capture-decran-le-2025-07-25-a-07.30.23.jpg?resize=700%2C471&amp;ssl=1 700w, https:\/\/i0.wp.com\/itayachtscanada.com\/wp-content\/uploads\/2025\/07\/Capture-decran-le-2025-07-25-a-07.30.23.jpg?resize=595%2C400&amp;ssl=1 595w\" sizes=\"auto, (max-width: 300px) 100vw, 300px\" data-attachment-id=\"282540\" data-permalink=\"https:\/\/itayachtscanada.com\/fr\/listing\/horizon-e81-2022-4699000-usd-for-sale\/capture-decran-le-2025-07-25-a-07-30-23\/\" data-orig-file=\"https:\/\/i0.wp.com\/itayachtscanada.com\/wp-content\/uploads\/2025\/07\/Capture-decran-le-2025-07-25-a-07.30.23.jpg?fit=1392%2C936&amp;ssl=1\" data-orig-size=\"1392,936\" data-comments-opened=\"1\" data-image-meta=\"{&quot;aperture&quot;:&quot;0&quot;,&quot;credit&quot;:&quot;&quot;,&quot;camera&quot;:&quot;&quot;,&quot;caption&quot;:&quot;&quot;,&quot;created_timestamp&quot;:&quot;0&quot;,&quot;copyright&quot;:&quot;&quot;,&quot;focal_length&quot;:&quot;0&quot;,&quot;iso&quot;:&quot;0&quot;,&quot;shutter_speed&quot;:&quot;0&quot;,&quot;title&quot;:&quot;&quot;,&quot;orientation&quot;:&quot;0&quot;}\" data-image-title=\"Capture d\u2019e\u0301cran, le 2025-07-25 a\u0300 07.30.23\" data-image-description=\"\" data-image-caption=\"\" data-large-file=\"https:\/\/i0.wp.com\/itayachtscanada.com\/wp-content\/uploads\/2025\/07\/Capture-decran-le-2025-07-25-a-07.30.23.jpg?fit=700%2C471&amp;ssl=1\" \/><\/a>\n\t\t\t<\/div><\/figure><figure class='gallery-item'>\n\t\t\t<div class='gallery-icon landscape'>\n\t\t\t\t<a href='https:\/\/itayachtscanada.com\/fr\/listing\/horizon-e81-2022-4699000-usd-for-sale\/capture-decran-le-2025-07-25-a-07-30-17\/'><img loading=\"lazy\" decoding=\"async\" width=\"300\" height=\"202\" src=\"https:\/\/i0.wp.com\/itayachtscanada.com\/wp-content\/uploads\/2025\/07\/Capture-decran-le-2025-07-25-a-07.30.17.jpg?fit=300%2C202&amp;ssl=1\" class=\"attachment-medium size-medium\" alt=\"\" srcset=\"https:\/\/i0.wp.com\/itayachtscanada.com\/wp-content\/uploads\/2025\/07\/Capture-decran-le-2025-07-25-a-07.30.17.jpg?w=1392&amp;ssl=1 1392w, https:\/\/i0.wp.com\/itayachtscanada.com\/wp-content\/uploads\/2025\/07\/Capture-decran-le-2025-07-25-a-07.30.17.jpg?resize=300%2C202&amp;ssl=1 300w, https:\/\/i0.wp.com\/itayachtscanada.com\/wp-content\/uploads\/2025\/07\/Capture-decran-le-2025-07-25-a-07.30.17.jpg?resize=1024%2C689&amp;ssl=1 1024w, https:\/\/i0.wp.com\/itayachtscanada.com\/wp-content\/uploads\/2025\/07\/Capture-decran-le-2025-07-25-a-07.30.17.jpg?resize=768%2C516&amp;ssl=1 768w, https:\/\/i0.wp.com\/itayachtscanada.com\/wp-content\/uploads\/2025\/07\/Capture-decran-le-2025-07-25-a-07.30.17.jpg?resize=700%2C471&amp;ssl=1 700w, https:\/\/i0.wp.com\/itayachtscanada.com\/wp-content\/uploads\/2025\/07\/Capture-decran-le-2025-07-25-a-07.30.17.jpg?resize=595%2C400&amp;ssl=1 595w\" sizes=\"auto, (max-width: 300px) 100vw, 300px\" data-attachment-id=\"282542\" data-permalink=\"https:\/\/itayachtscanada.com\/fr\/listing\/horizon-e81-2022-4699000-usd-for-sale\/capture-decran-le-2025-07-25-a-07-30-17\/\" data-orig-file=\"https:\/\/i0.wp.com\/itayachtscanada.com\/wp-content\/uploads\/2025\/07\/Capture-decran-le-2025-07-25-a-07.30.17.jpg?fit=1392%2C936&amp;ssl=1\" data-orig-size=\"1392,936\" data-comments-opened=\"1\" data-image-meta=\"{&quot;aperture&quot;:&quot;0&quot;,&quot;credit&quot;:&quot;&quot;,&quot;camera&quot;:&quot;&quot;,&quot;caption&quot;:&quot;&quot;,&quot;created_timestamp&quot;:&quot;0&quot;,&quot;copyright&quot;:&quot;&quot;,&quot;focal_length&quot;:&quot;0&quot;,&quot;iso&quot;:&quot;0&quot;,&quot;shutter_speed&quot;:&quot;0&quot;,&quot;title&quot;:&quot;&quot;,&quot;orientation&quot;:&quot;0&quot;}\" data-image-title=\"Capture d\u2019e\u0301cran, le 2025-07-25 a\u0300 07.30.17\" data-image-description=\"\" data-image-caption=\"\" data-large-file=\"https:\/\/i0.wp.com\/itayachtscanada.com\/wp-content\/uploads\/2025\/07\/Capture-decran-le-2025-07-25-a-07.30.17.jpg?fit=700%2C471&amp;ssl=1\" \/><\/a>\n\t\t\t<\/div><\/figure><figure class='gallery-item'>\n\t\t\t<div class='gallery-icon landscape'>\n\t\t\t\t<a href='https:\/\/itayachtscanada.com\/fr\/listing\/horizon-e81-2022-4699000-usd-for-sale\/capture-decran-le-2025-07-25-a-07-30-20\/'><img loading=\"lazy\" decoding=\"async\" width=\"300\" height=\"202\" src=\"https:\/\/i0.wp.com\/itayachtscanada.com\/wp-content\/uploads\/2025\/07\/Capture-decran-le-2025-07-25-a-07.30.20.jpg?fit=300%2C202&amp;ssl=1\" class=\"attachment-medium size-medium\" alt=\"\" srcset=\"https:\/\/i0.wp.com\/itayachtscanada.com\/wp-content\/uploads\/2025\/07\/Capture-decran-le-2025-07-25-a-07.30.20.jpg?w=1392&amp;ssl=1 1392w, https:\/\/i0.wp.com\/itayachtscanada.com\/wp-content\/uploads\/2025\/07\/Capture-decran-le-2025-07-25-a-07.30.20.jpg?resize=300%2C202&amp;ssl=1 300w, https:\/\/i0.wp.com\/itayachtscanada.com\/wp-content\/uploads\/2025\/07\/Capture-decran-le-2025-07-25-a-07.30.20.jpg?resize=1024%2C689&amp;ssl=1 1024w, https:\/\/i0.wp.com\/itayachtscanada.com\/wp-content\/uploads\/2025\/07\/Capture-decran-le-2025-07-25-a-07.30.20.jpg?resize=768%2C516&amp;ssl=1 768w, https:\/\/i0.wp.com\/itayachtscanada.com\/wp-content\/uploads\/2025\/07\/Capture-decran-le-2025-07-25-a-07.30.20.jpg?resize=700%2C471&amp;ssl=1 700w, https:\/\/i0.wp.com\/itayachtscanada.com\/wp-content\/uploads\/2025\/07\/Capture-decran-le-2025-07-25-a-07.30.20.jpg?resize=595%2C400&amp;ssl=1 595w\" sizes=\"auto, (max-width: 300px) 100vw, 300px\" data-attachment-id=\"282541\" data-permalink=\"https:\/\/itayachtscanada.com\/fr\/listing\/horizon-e81-2022-4699000-usd-for-sale\/capture-decran-le-2025-07-25-a-07-30-20\/\" data-orig-file=\"https:\/\/i0.wp.com\/itayachtscanada.com\/wp-content\/uploads\/2025\/07\/Capture-decran-le-2025-07-25-a-07.30.20.jpg?fit=1392%2C936&amp;ssl=1\" data-orig-size=\"1392,936\" data-comments-opened=\"1\" data-image-meta=\"{&quot;aperture&quot;:&quot;0&quot;,&quot;credit&quot;:&quot;&quot;,&quot;camera&quot;:&quot;&quot;,&quot;caption&quot;:&quot;&quot;,&quot;created_timestamp&quot;:&quot;0&quot;,&quot;copyright&quot;:&quot;&quot;,&quot;focal_length&quot;:&quot;0&quot;,&quot;iso&quot;:&quot;0&quot;,&quot;shutter_speed&quot;:&quot;0&quot;,&quot;title&quot;:&quot;&quot;,&quot;orientation&quot;:&quot;0&quot;}\" data-image-title=\"Capture d\u2019e\u0301cran, le 2025-07-25 a\u0300 07.30.20\" data-image-description=\"\" data-image-caption=\"\" data-large-file=\"https:\/\/i0.wp.com\/itayachtscanada.com\/wp-content\/uploads\/2025\/07\/Capture-decran-le-2025-07-25-a-07.30.20.jpg?fit=700%2C471&amp;ssl=1\" \/><\/a>\n\t\t\t<\/div><\/figure><figure class='gallery-item'>\n\t\t\t<div class='gallery-icon landscape'>\n\t\t\t\t<a href='https:\/\/itayachtscanada.com\/fr\/listing\/horizon-e81-2022-4699000-usd-for-sale\/capture-decran-le-2025-07-25-a-07-30-43\/'><img loading=\"lazy\" decoding=\"async\" width=\"300\" height=\"202\" src=\"https:\/\/i0.wp.com\/itayachtscanada.com\/wp-content\/uploads\/2025\/07\/Capture-decran-le-2025-07-25-a-07.30.43.jpg?fit=300%2C202&amp;ssl=1\" class=\"attachment-medium size-medium\" alt=\"\" srcset=\"https:\/\/i0.wp.com\/itayachtscanada.com\/wp-content\/uploads\/2025\/07\/Capture-decran-le-2025-07-25-a-07.30.43.jpg?w=1392&amp;ssl=1 1392w, https:\/\/i0.wp.com\/itayachtscanada.com\/wp-content\/uploads\/2025\/07\/Capture-decran-le-2025-07-25-a-07.30.43.jpg?resize=300%2C202&amp;ssl=1 300w, https:\/\/i0.wp.com\/itayachtscanada.com\/wp-content\/uploads\/2025\/07\/Capture-decran-le-2025-07-25-a-07.30.43.jpg?resize=1024%2C689&amp;ssl=1 1024w, https:\/\/i0.wp.com\/itayachtscanada.com\/wp-content\/uploads\/2025\/07\/Capture-decran-le-2025-07-25-a-07.30.43.jpg?resize=768%2C516&amp;ssl=1 768w, https:\/\/i0.wp.com\/itayachtscanada.com\/wp-content\/uploads\/2025\/07\/Capture-decran-le-2025-07-25-a-07.30.43.jpg?resize=700%2C471&amp;ssl=1 700w, https:\/\/i0.wp.com\/itayachtscanada.com\/wp-content\/uploads\/2025\/07\/Capture-decran-le-2025-07-25-a-07.30.43.jpg?resize=595%2C400&amp;ssl=1 595w\" sizes=\"auto, (max-width: 300px) 100vw, 300px\" data-attachment-id=\"282535\" data-permalink=\"https:\/\/itayachtscanada.com\/fr\/listing\/horizon-e81-2022-4699000-usd-for-sale\/capture-decran-le-2025-07-25-a-07-30-43\/\" data-orig-file=\"https:\/\/i0.wp.com\/itayachtscanada.com\/wp-content\/uploads\/2025\/07\/Capture-decran-le-2025-07-25-a-07.30.43.jpg?fit=1392%2C936&amp;ssl=1\" data-orig-size=\"1392,936\" data-comments-opened=\"1\" data-image-meta=\"{&quot;aperture&quot;:&quot;0&quot;,&quot;credit&quot;:&quot;&quot;,&quot;camera&quot;:&quot;&quot;,&quot;caption&quot;:&quot;&quot;,&quot;created_timestamp&quot;:&quot;0&quot;,&quot;copyright&quot;:&quot;&quot;,&quot;focal_length&quot;:&quot;0&quot;,&quot;iso&quot;:&quot;0&quot;,&quot;shutter_speed&quot;:&quot;0&quot;,&quot;title&quot;:&quot;&quot;,&quot;orientation&quot;:&quot;0&quot;}\" data-image-title=\"Capture d\u2019e\u0301cran, le 2025-07-25 a\u0300 07.30.43\" data-image-description=\"\" data-image-caption=\"\" data-large-file=\"https:\/\/i0.wp.com\/itayachtscanada.com\/wp-content\/uploads\/2025\/07\/Capture-decran-le-2025-07-25-a-07.30.43.jpg?fit=700%2C471&amp;ssl=1\" \/><\/a>\n\t\t\t<\/div><\/figure><figure class='gallery-item'>\n\t\t\t<div class='gallery-icon landscape'>\n\t\t\t\t<a href='https:\/\/itayachtscanada.com\/fr\/listing\/horizon-e81-2022-4699000-usd-for-sale\/capture-decran-le-2025-07-25-a-07-30-38\/'><img loading=\"lazy\" decoding=\"async\" width=\"300\" height=\"202\" src=\"https:\/\/i0.wp.com\/itayachtscanada.com\/wp-content\/uploads\/2025\/07\/Capture-decran-le-2025-07-25-a-07.30.38.jpg?fit=300%2C202&amp;ssl=1\" class=\"attachment-medium size-medium\" alt=\"\" srcset=\"https:\/\/i0.wp.com\/itayachtscanada.com\/wp-content\/uploads\/2025\/07\/Capture-decran-le-2025-07-25-a-07.30.38.jpg?w=1392&amp;ssl=1 1392w, https:\/\/i0.wp.com\/itayachtscanada.com\/wp-content\/uploads\/2025\/07\/Capture-decran-le-2025-07-25-a-07.30.38.jpg?resize=300%2C202&amp;ssl=1 300w, https:\/\/i0.wp.com\/itayachtscanada.com\/wp-content\/uploads\/2025\/07\/Capture-decran-le-2025-07-25-a-07.30.38.jpg?resize=1024%2C689&amp;ssl=1 1024w, https:\/\/i0.wp.com\/itayachtscanada.com\/wp-content\/uploads\/2025\/07\/Capture-decran-le-2025-07-25-a-07.30.38.jpg?resize=768%2C516&amp;ssl=1 768w, https:\/\/i0.wp.com\/itayachtscanada.com\/wp-content\/uploads\/2025\/07\/Capture-decran-le-2025-07-25-a-07.30.38.jpg?resize=700%2C471&amp;ssl=1 700w, https:\/\/i0.wp.com\/itayachtscanada.com\/wp-content\/uploads\/2025\/07\/Capture-decran-le-2025-07-25-a-07.30.38.jpg?resize=595%2C400&amp;ssl=1 595w\" sizes=\"auto, (max-width: 300px) 100vw, 300px\" data-attachment-id=\"282536\" data-permalink=\"https:\/\/itayachtscanada.com\/fr\/listing\/horizon-e81-2022-4699000-usd-for-sale\/capture-decran-le-2025-07-25-a-07-30-38\/\" data-orig-file=\"https:\/\/i0.wp.com\/itayachtscanada.com\/wp-content\/uploads\/2025\/07\/Capture-decran-le-2025-07-25-a-07.30.38.jpg?fit=1392%2C936&amp;ssl=1\" data-orig-size=\"1392,936\" data-comments-opened=\"1\" data-image-meta=\"{&quot;aperture&quot;:&quot;0&quot;,&quot;credit&quot;:&quot;&quot;,&quot;camera&quot;:&quot;&quot;,&quot;caption&quot;:&quot;&quot;,&quot;created_timestamp&quot;:&quot;0&quot;,&quot;copyright&quot;:&quot;&quot;,&quot;focal_length&quot;:&quot;0&quot;,&quot;iso&quot;:&quot;0&quot;,&quot;shutter_speed&quot;:&quot;0&quot;,&quot;title&quot;:&quot;&quot;,&quot;orientation&quot;:&quot;0&quot;}\" data-image-title=\"Capture d\u2019e\u0301cran, le 2025-07-25 a\u0300 07.30.38\" data-image-description=\"\" data-image-caption=\"\" data-large-file=\"https:\/\/i0.wp.com\/itayachtscanada.com\/wp-content\/uploads\/2025\/07\/Capture-decran-le-2025-07-25-a-07.30.38.jpg?fit=700%2C471&amp;ssl=1\" \/><\/a>\n\t\t\t<\/div><\/figure><figure class='gallery-item'>\n\t\t\t<div class='gallery-icon landscape'>\n\t\t\t\t<a href='https:\/\/itayachtscanada.com\/fr\/listing\/horizon-e81-2022-4699000-usd-for-sale\/capture-decran-le-2025-07-25-a-07-30-34\/'><img loading=\"lazy\" decoding=\"async\" width=\"300\" height=\"202\" src=\"https:\/\/i0.wp.com\/itayachtscanada.com\/wp-content\/uploads\/2025\/07\/Capture-decran-le-2025-07-25-a-07.30.34.jpg?fit=300%2C202&amp;ssl=1\" class=\"attachment-medium size-medium\" alt=\"\" srcset=\"https:\/\/i0.wp.com\/itayachtscanada.com\/wp-content\/uploads\/2025\/07\/Capture-decran-le-2025-07-25-a-07.30.34.jpg?w=1392&amp;ssl=1 1392w, https:\/\/i0.wp.com\/itayachtscanada.com\/wp-content\/uploads\/2025\/07\/Capture-decran-le-2025-07-25-a-07.30.34.jpg?resize=300%2C202&amp;ssl=1 300w, https:\/\/i0.wp.com\/itayachtscanada.com\/wp-content\/uploads\/2025\/07\/Capture-decran-le-2025-07-25-a-07.30.34.jpg?resize=1024%2C689&amp;ssl=1 1024w, https:\/\/i0.wp.com\/itayachtscanada.com\/wp-content\/uploads\/2025\/07\/Capture-decran-le-2025-07-25-a-07.30.34.jpg?resize=768%2C516&amp;ssl=1 768w, https:\/\/i0.wp.com\/itayachtscanada.com\/wp-content\/uploads\/2025\/07\/Capture-decran-le-2025-07-25-a-07.30.34.jpg?resize=700%2C471&amp;ssl=1 700w, https:\/\/i0.wp.com\/itayachtscanada.com\/wp-content\/uploads\/2025\/07\/Capture-decran-le-2025-07-25-a-07.30.34.jpg?resize=595%2C400&amp;ssl=1 595w\" sizes=\"auto, (max-width: 300px) 100vw, 300px\" data-attachment-id=\"282537\" data-permalink=\"https:\/\/itayachtscanada.com\/fr\/listing\/horizon-e81-2022-4699000-usd-for-sale\/capture-decran-le-2025-07-25-a-07-30-34\/\" data-orig-file=\"https:\/\/i0.wp.com\/itayachtscanada.com\/wp-content\/uploads\/2025\/07\/Capture-decran-le-2025-07-25-a-07.30.34.jpg?fit=1392%2C936&amp;ssl=1\" data-orig-size=\"1392,936\" data-comments-opened=\"1\" data-image-meta=\"{&quot;aperture&quot;:&quot;0&quot;,&quot;credit&quot;:&quot;&quot;,&quot;camera&quot;:&quot;&quot;,&quot;caption&quot;:&quot;&quot;,&quot;created_timestamp&quot;:&quot;0&quot;,&quot;copyright&quot;:&quot;&quot;,&quot;focal_length&quot;:&quot;0&quot;,&quot;iso&quot;:&quot;0&quot;,&quot;shutter_speed&quot;:&quot;0&quot;,&quot;title&quot;:&quot;&quot;,&quot;orientation&quot;:&quot;0&quot;}\" data-image-title=\"Capture d\u2019e\u0301cran, le 2025-07-25 a\u0300 07.30.34\" data-image-description=\"\" data-image-caption=\"\" data-large-file=\"https:\/\/i0.wp.com\/itayachtscanada.com\/wp-content\/uploads\/2025\/07\/Capture-decran-le-2025-07-25-a-07.30.34.jpg?fit=700%2C471&amp;ssl=1\" \/><\/a>\n\t\t\t<\/div><\/figure><figure class='gallery-item'>\n\t\t\t<div class='gallery-icon landscape'>\n\t\t\t\t<a href='https:\/\/itayachtscanada.com\/fr\/listing\/horizon-e81-2022-4699000-usd-for-sale\/capture-decran-le-2025-07-25-a-07-30-30\/'><img loading=\"lazy\" decoding=\"async\" width=\"300\" height=\"202\" src=\"https:\/\/i0.wp.com\/itayachtscanada.com\/wp-content\/uploads\/2025\/07\/Capture-decran-le-2025-07-25-a-07.30.30.jpg?fit=300%2C202&amp;ssl=1\" class=\"attachment-medium size-medium\" alt=\"\" srcset=\"https:\/\/i0.wp.com\/itayachtscanada.com\/wp-content\/uploads\/2025\/07\/Capture-decran-le-2025-07-25-a-07.30.30.jpg?w=1392&amp;ssl=1 1392w, https:\/\/i0.wp.com\/itayachtscanada.com\/wp-content\/uploads\/2025\/07\/Capture-decran-le-2025-07-25-a-07.30.30.jpg?resize=300%2C202&amp;ssl=1 300w, https:\/\/i0.wp.com\/itayachtscanada.com\/wp-content\/uploads\/2025\/07\/Capture-decran-le-2025-07-25-a-07.30.30.jpg?resize=1024%2C689&amp;ssl=1 1024w, https:\/\/i0.wp.com\/itayachtscanada.com\/wp-content\/uploads\/2025\/07\/Capture-decran-le-2025-07-25-a-07.30.30.jpg?resize=768%2C516&amp;ssl=1 768w, https:\/\/i0.wp.com\/itayachtscanada.com\/wp-content\/uploads\/2025\/07\/Capture-decran-le-2025-07-25-a-07.30.30.jpg?resize=700%2C471&amp;ssl=1 700w, https:\/\/i0.wp.com\/itayachtscanada.com\/wp-content\/uploads\/2025\/07\/Capture-decran-le-2025-07-25-a-07.30.30.jpg?resize=595%2C400&amp;ssl=1 595w\" sizes=\"auto, (max-width: 300px) 100vw, 300px\" data-attachment-id=\"282538\" data-permalink=\"https:\/\/itayachtscanada.com\/fr\/listing\/horizon-e81-2022-4699000-usd-for-sale\/capture-decran-le-2025-07-25-a-07-30-30\/\" data-orig-file=\"https:\/\/i0.wp.com\/itayachtscanada.com\/wp-content\/uploads\/2025\/07\/Capture-decran-le-2025-07-25-a-07.30.30.jpg?fit=1392%2C936&amp;ssl=1\" data-orig-size=\"1392,936\" data-comments-opened=\"1\" data-image-meta=\"{&quot;aperture&quot;:&quot;0&quot;,&quot;credit&quot;:&quot;&quot;,&quot;camera&quot;:&quot;&quot;,&quot;caption&quot;:&quot;&quot;,&quot;created_timestamp&quot;:&quot;0&quot;,&quot;copyright&quot;:&quot;&quot;,&quot;focal_length&quot;:&quot;0&quot;,&quot;iso&quot;:&quot;0&quot;,&quot;shutter_speed&quot;:&quot;0&quot;,&quot;title&quot;:&quot;&quot;,&quot;orientation&quot;:&quot;0&quot;}\" data-image-title=\"Capture d\u2019e\u0301cran, le 2025-07-25 a\u0300 07.30.30\" data-image-description=\"\" data-image-caption=\"\" data-large-file=\"https:\/\/i0.wp.com\/itayachtscanada.com\/wp-content\/uploads\/2025\/07\/Capture-decran-le-2025-07-25-a-07.30.30.jpg?fit=700%2C471&amp;ssl=1\" \/><\/a>\n\t\t\t<\/div><\/figure><figure class='gallery-item'>\n\t\t\t<div class='gallery-icon landscape'>\n\t\t\t\t<a href='https:\/\/itayachtscanada.com\/fr\/listing\/horizon-e81-2022-4699000-usd-for-sale\/capture-decran-le-2025-07-25-a-07-30-27\/'><img loading=\"lazy\" decoding=\"async\" width=\"300\" height=\"202\" src=\"https:\/\/i0.wp.com\/itayachtscanada.com\/wp-content\/uploads\/2025\/07\/Capture-decran-le-2025-07-25-a-07.30.27.jpg?fit=300%2C202&amp;ssl=1\" class=\"attachment-medium size-medium\" alt=\"\" srcset=\"https:\/\/i0.wp.com\/itayachtscanada.com\/wp-content\/uploads\/2025\/07\/Capture-decran-le-2025-07-25-a-07.30.27.jpg?w=1392&amp;ssl=1 1392w, https:\/\/i0.wp.com\/itayachtscanada.com\/wp-content\/uploads\/2025\/07\/Capture-decran-le-2025-07-25-a-07.30.27.jpg?resize=300%2C202&amp;ssl=1 300w, https:\/\/i0.wp.com\/itayachtscanada.com\/wp-content\/uploads\/2025\/07\/Capture-decran-le-2025-07-25-a-07.30.27.jpg?resize=1024%2C689&amp;ssl=1 1024w, https:\/\/i0.wp.com\/itayachtscanada.com\/wp-content\/uploads\/2025\/07\/Capture-decran-le-2025-07-25-a-07.30.27.jpg?resize=768%2C516&amp;ssl=1 768w, https:\/\/i0.wp.com\/itayachtscanada.com\/wp-content\/uploads\/2025\/07\/Capture-decran-le-2025-07-25-a-07.30.27.jpg?resize=700%2C471&amp;ssl=1 700w, https:\/\/i0.wp.com\/itayachtscanada.com\/wp-content\/uploads\/2025\/07\/Capture-decran-le-2025-07-25-a-07.30.27.jpg?resize=595%2C400&amp;ssl=1 595w\" sizes=\"auto, (max-width: 300px) 100vw, 300px\" data-attachment-id=\"282539\" data-permalink=\"https:\/\/itayachtscanada.com\/fr\/listing\/horizon-e81-2022-4699000-usd-for-sale\/capture-decran-le-2025-07-25-a-07-30-27\/\" data-orig-file=\"https:\/\/i0.wp.com\/itayachtscanada.com\/wp-content\/uploads\/2025\/07\/Capture-decran-le-2025-07-25-a-07.30.27.jpg?fit=1392%2C936&amp;ssl=1\" data-orig-size=\"1392,936\" data-comments-opened=\"1\" data-image-meta=\"{&quot;aperture&quot;:&quot;0&quot;,&quot;credit&quot;:&quot;&quot;,&quot;camera&quot;:&quot;&quot;,&quot;caption&quot;:&quot;&quot;,&quot;created_timestamp&quot;:&quot;0&quot;,&quot;copyright&quot;:&quot;&quot;,&quot;focal_length&quot;:&quot;0&quot;,&quot;iso&quot;:&quot;0&quot;,&quot;shutter_speed&quot;:&quot;0&quot;,&quot;title&quot;:&quot;&quot;,&quot;orientation&quot;:&quot;0&quot;}\" data-image-title=\"Capture d\u2019e\u0301cran, le 2025-07-25 a\u0300 07.30.27\" data-image-description=\"\" data-image-caption=\"\" data-large-file=\"https:\/\/i0.wp.com\/itayachtscanada.com\/wp-content\/uploads\/2025\/07\/Capture-decran-le-2025-07-25-a-07.30.27.jpg?fit=700%2C471&amp;ssl=1\" \/><\/a>\n\t\t\t<\/div><\/figure><figure class='gallery-item'>\n\t\t\t<div class='gallery-icon landscape'>\n\t\t\t\t<a href='https:\/\/itayachtscanada.com\/fr\/listing\/horizon-e81-2022-4699000-usd-for-sale\/capture-decran-le-2025-07-25-a-07-30-14\/'><img loading=\"lazy\" decoding=\"async\" width=\"300\" height=\"202\" src=\"https:\/\/i0.wp.com\/itayachtscanada.com\/wp-content\/uploads\/2025\/07\/Capture-decran-le-2025-07-25-a-07.30.14.jpg?fit=300%2C202&amp;ssl=1\" class=\"attachment-medium size-medium\" alt=\"\" srcset=\"https:\/\/i0.wp.com\/itayachtscanada.com\/wp-content\/uploads\/2025\/07\/Capture-decran-le-2025-07-25-a-07.30.14.jpg?w=1392&amp;ssl=1 1392w, https:\/\/i0.wp.com\/itayachtscanada.com\/wp-content\/uploads\/2025\/07\/Capture-decran-le-2025-07-25-a-07.30.14.jpg?resize=300%2C202&amp;ssl=1 300w, https:\/\/i0.wp.com\/itayachtscanada.com\/wp-content\/uploads\/2025\/07\/Capture-decran-le-2025-07-25-a-07.30.14.jpg?resize=1024%2C689&amp;ssl=1 1024w, https:\/\/i0.wp.com\/itayachtscanada.com\/wp-content\/uploads\/2025\/07\/Capture-decran-le-2025-07-25-a-07.30.14.jpg?resize=768%2C516&amp;ssl=1 768w, https:\/\/i0.wp.com\/itayachtscanada.com\/wp-content\/uploads\/2025\/07\/Capture-decran-le-2025-07-25-a-07.30.14.jpg?resize=700%2C471&amp;ssl=1 700w, https:\/\/i0.wp.com\/itayachtscanada.com\/wp-content\/uploads\/2025\/07\/Capture-decran-le-2025-07-25-a-07.30.14.jpg?resize=595%2C400&amp;ssl=1 595w\" sizes=\"auto, (max-width: 300px) 100vw, 300px\" data-attachment-id=\"282543\" data-permalink=\"https:\/\/itayachtscanada.com\/fr\/listing\/horizon-e81-2022-4699000-usd-for-sale\/capture-decran-le-2025-07-25-a-07-30-14\/\" data-orig-file=\"https:\/\/i0.wp.com\/itayachtscanada.com\/wp-content\/uploads\/2025\/07\/Capture-decran-le-2025-07-25-a-07.30.14.jpg?fit=1392%2C936&amp;ssl=1\" data-orig-size=\"1392,936\" data-comments-opened=\"1\" data-image-meta=\"{&quot;aperture&quot;:&quot;0&quot;,&quot;credit&quot;:&quot;&quot;,&quot;camera&quot;:&quot;&quot;,&quot;caption&quot;:&quot;&quot;,&quot;created_timestamp&quot;:&quot;0&quot;,&quot;copyright&quot;:&quot;&quot;,&quot;focal_length&quot;:&quot;0&quot;,&quot;iso&quot;:&quot;0&quot;,&quot;shutter_speed&quot;:&quot;0&quot;,&quot;title&quot;:&quot;&quot;,&quot;orientation&quot;:&quot;0&quot;}\" data-image-title=\"Capture d\u2019e\u0301cran, le 2025-07-25 a\u0300 07.30.14\" data-image-description=\"\" data-image-caption=\"\" data-large-file=\"https:\/\/i0.wp.com\/itayachtscanada.com\/wp-content\/uploads\/2025\/07\/Capture-decran-le-2025-07-25-a-07.30.14.jpg?fit=700%2C471&amp;ssl=1\" \/><\/a>\n\t\t\t<\/div><\/figure><figure class='gallery-item'>\n\t\t\t<div class='gallery-icon landscape'>\n\t\t\t\t<a href='https:\/\/itayachtscanada.com\/fr\/listing\/horizon-e81-2022-4699000-usd-for-sale\/capture-decran-le-2025-07-25-a-07-29-43\/'><img loading=\"lazy\" decoding=\"async\" width=\"300\" height=\"226\" src=\"https:\/\/i0.wp.com\/itayachtscanada.com\/wp-content\/uploads\/2025\/07\/Capture-decran-le-2025-07-25-a-07.29.43.jpg?fit=300%2C226&amp;ssl=1\" class=\"attachment-medium size-medium\" alt=\"\" srcset=\"https:\/\/i0.wp.com\/itayachtscanada.com\/wp-content\/uploads\/2025\/07\/Capture-decran-le-2025-07-25-a-07.29.43.jpg?w=1244&amp;ssl=1 1244w, https:\/\/i0.wp.com\/itayachtscanada.com\/wp-content\/uploads\/2025\/07\/Capture-decran-le-2025-07-25-a-07.29.43.jpg?resize=300%2C226&amp;ssl=1 300w, https:\/\/i0.wp.com\/itayachtscanada.com\/wp-content\/uploads\/2025\/07\/Capture-decran-le-2025-07-25-a-07.29.43.jpg?resize=1024%2C770&amp;ssl=1 1024w, https:\/\/i0.wp.com\/itayachtscanada.com\/wp-content\/uploads\/2025\/07\/Capture-decran-le-2025-07-25-a-07.29.43.jpg?resize=768%2C578&amp;ssl=1 768w, https:\/\/i0.wp.com\/itayachtscanada.com\/wp-content\/uploads\/2025\/07\/Capture-decran-le-2025-07-25-a-07.29.43.jpg?resize=700%2C527&amp;ssl=1 700w, https:\/\/i0.wp.com\/itayachtscanada.com\/wp-content\/uploads\/2025\/07\/Capture-decran-le-2025-07-25-a-07.29.43.jpg?resize=532%2C400&amp;ssl=1 532w\" sizes=\"auto, (max-width: 300px) 100vw, 300px\" data-attachment-id=\"282545\" data-permalink=\"https:\/\/itayachtscanada.com\/fr\/listing\/horizon-e81-2022-4699000-usd-for-sale\/capture-decran-le-2025-07-25-a-07-29-43\/\" data-orig-file=\"https:\/\/i0.wp.com\/itayachtscanada.com\/wp-content\/uploads\/2025\/07\/Capture-decran-le-2025-07-25-a-07.29.43.jpg?fit=1244%2C936&amp;ssl=1\" data-orig-size=\"1244,936\" data-comments-opened=\"1\" data-image-meta=\"{&quot;aperture&quot;:&quot;0&quot;,&quot;credit&quot;:&quot;&quot;,&quot;camera&quot;:&quot;&quot;,&quot;caption&quot;:&quot;&quot;,&quot;created_timestamp&quot;:&quot;0&quot;,&quot;copyright&quot;:&quot;&quot;,&quot;focal_length&quot;:&quot;0&quot;,&quot;iso&quot;:&quot;0&quot;,&quot;shutter_speed&quot;:&quot;0&quot;,&quot;title&quot;:&quot;&quot;,&quot;orientation&quot;:&quot;0&quot;}\" data-image-title=\"Capture d\u2019e\u0301cran, le 2025-07-25 a\u0300 07.29.43\" data-image-description=\"\" data-image-caption=\"\" data-large-file=\"https:\/\/i0.wp.com\/itayachtscanada.com\/wp-content\/uploads\/2025\/07\/Capture-decran-le-2025-07-25-a-07.29.43.jpg?fit=700%2C526&amp;ssl=1\" \/><\/a>\n\t\t\t<\/div><\/figure><figure class='gallery-item'>\n\t\t\t<div class='gallery-icon landscape'>\n\t\t\t\t<a href='https:\/\/itayachtscanada.com\/fr\/listing\/horizon-e81-2022-4699000-usd-for-sale\/capture-decran-le-2025-07-25-a-07-29-40\/'><img loading=\"lazy\" decoding=\"async\" width=\"300\" height=\"203\" src=\"https:\/\/i0.wp.com\/itayachtscanada.com\/wp-content\/uploads\/2025\/07\/Capture-decran-le-2025-07-25-a-07.29.40.jpg?fit=300%2C203&amp;ssl=1\" class=\"attachment-medium size-medium\" alt=\"\" srcset=\"https:\/\/i0.wp.com\/itayachtscanada.com\/wp-content\/uploads\/2025\/07\/Capture-decran-le-2025-07-25-a-07.29.40.jpg?w=1384&amp;ssl=1 1384w, https:\/\/i0.wp.com\/itayachtscanada.com\/wp-content\/uploads\/2025\/07\/Capture-decran-le-2025-07-25-a-07.29.40.jpg?resize=300%2C203&amp;ssl=1 300w, https:\/\/i0.wp.com\/itayachtscanada.com\/wp-content\/uploads\/2025\/07\/Capture-decran-le-2025-07-25-a-07.29.40.jpg?resize=1024%2C693&amp;ssl=1 1024w, https:\/\/i0.wp.com\/itayachtscanada.com\/wp-content\/uploads\/2025\/07\/Capture-decran-le-2025-07-25-a-07.29.40.jpg?resize=768%2C519&amp;ssl=1 768w, https:\/\/i0.wp.com\/itayachtscanada.com\/wp-content\/uploads\/2025\/07\/Capture-decran-le-2025-07-25-a-07.29.40.jpg?resize=700%2C473&amp;ssl=1 700w, https:\/\/i0.wp.com\/itayachtscanada.com\/wp-content\/uploads\/2025\/07\/Capture-decran-le-2025-07-25-a-07.29.40.jpg?resize=591%2C400&amp;ssl=1 591w\" sizes=\"auto, (max-width: 300px) 100vw, 300px\" data-attachment-id=\"282546\" data-permalink=\"https:\/\/itayachtscanada.com\/fr\/listing\/horizon-e81-2022-4699000-usd-for-sale\/capture-decran-le-2025-07-25-a-07-29-40\/\" data-orig-file=\"https:\/\/i0.wp.com\/itayachtscanada.com\/wp-content\/uploads\/2025\/07\/Capture-decran-le-2025-07-25-a-07.29.40.jpg?fit=1384%2C936&amp;ssl=1\" data-orig-size=\"1384,936\" data-comments-opened=\"1\" data-image-meta=\"{&quot;aperture&quot;:&quot;0&quot;,&quot;credit&quot;:&quot;&quot;,&quot;camera&quot;:&quot;&quot;,&quot;caption&quot;:&quot;&quot;,&quot;created_timestamp&quot;:&quot;0&quot;,&quot;copyright&quot;:&quot;&quot;,&quot;focal_length&quot;:&quot;0&quot;,&quot;iso&quot;:&quot;0&quot;,&quot;shutter_speed&quot;:&quot;0&quot;,&quot;title&quot;:&quot;&quot;,&quot;orientation&quot;:&quot;0&quot;}\" data-image-title=\"Capture d\u2019e\u0301cran, le 2025-07-25 a\u0300 07.29.40\" data-image-description=\"\" data-image-caption=\"\" data-large-file=\"https:\/\/i0.wp.com\/itayachtscanada.com\/wp-content\/uploads\/2025\/07\/Capture-decran-le-2025-07-25-a-07.29.40.jpg?fit=700%2C474&amp;ssl=1\" \/><\/a>\n\t\t\t<\/div><\/figure><figure class='gallery-item'>\n\t\t\t<div class='gallery-icon landscape'>\n\t\t\t\t<a href='https:\/\/itayachtscanada.com\/fr\/listing\/horizon-e81-2022-4699000-usd-for-sale\/capture-decran-le-2025-07-25-a-07-29-37\/'><img loading=\"lazy\" decoding=\"async\" width=\"300\" height=\"203\" src=\"https:\/\/i0.wp.com\/itayachtscanada.com\/wp-content\/uploads\/2025\/07\/Capture-decran-le-2025-07-25-a-07.29.37.jpg?fit=300%2C203&amp;ssl=1\" class=\"attachment-medium size-medium\" alt=\"\" srcset=\"https:\/\/i0.wp.com\/itayachtscanada.com\/wp-content\/uploads\/2025\/07\/Capture-decran-le-2025-07-25-a-07.29.37.jpg?w=1384&amp;ssl=1 1384w, https:\/\/i0.wp.com\/itayachtscanada.com\/wp-content\/uploads\/2025\/07\/Capture-decran-le-2025-07-25-a-07.29.37.jpg?resize=300%2C203&amp;ssl=1 300w, https:\/\/i0.wp.com\/itayachtscanada.com\/wp-content\/uploads\/2025\/07\/Capture-decran-le-2025-07-25-a-07.29.37.jpg?resize=1024%2C693&amp;ssl=1 1024w, https:\/\/i0.wp.com\/itayachtscanada.com\/wp-content\/uploads\/2025\/07\/Capture-decran-le-2025-07-25-a-07.29.37.jpg?resize=768%2C519&amp;ssl=1 768w, https:\/\/i0.wp.com\/itayachtscanada.com\/wp-content\/uploads\/2025\/07\/Capture-decran-le-2025-07-25-a-07.29.37.jpg?resize=700%2C473&amp;ssl=1 700w, https:\/\/i0.wp.com\/itayachtscanada.com\/wp-content\/uploads\/2025\/07\/Capture-decran-le-2025-07-25-a-07.29.37.jpg?resize=591%2C400&amp;ssl=1 591w\" sizes=\"auto, (max-width: 300px) 100vw, 300px\" data-attachment-id=\"282547\" data-permalink=\"https:\/\/itayachtscanada.com\/fr\/listing\/horizon-e81-2022-4699000-usd-for-sale\/capture-decran-le-2025-07-25-a-07-29-37\/\" data-orig-file=\"https:\/\/i0.wp.com\/itayachtscanada.com\/wp-content\/uploads\/2025\/07\/Capture-decran-le-2025-07-25-a-07.29.37.jpg?fit=1384%2C936&amp;ssl=1\" data-orig-size=\"1384,936\" data-comments-opened=\"1\" data-image-meta=\"{&quot;aperture&quot;:&quot;0&quot;,&quot;credit&quot;:&quot;&quot;,&quot;camera&quot;:&quot;&quot;,&quot;caption&quot;:&quot;&quot;,&quot;created_timestamp&quot;:&quot;0&quot;,&quot;copyright&quot;:&quot;&quot;,&quot;focal_length&quot;:&quot;0&quot;,&quot;iso&quot;:&quot;0&quot;,&quot;shutter_speed&quot;:&quot;0&quot;,&quot;title&quot;:&quot;&quot;,&quot;orientation&quot;:&quot;0&quot;}\" data-image-title=\"Capture d\u2019e\u0301cran, le 2025-07-25 a\u0300 07.29.37\" data-image-description=\"\" data-image-caption=\"\" data-large-file=\"https:\/\/i0.wp.com\/itayachtscanada.com\/wp-content\/uploads\/2025\/07\/Capture-decran-le-2025-07-25-a-07.29.37.jpg?fit=700%2C474&amp;ssl=1\" \/><\/a>\n\t\t\t<\/div><\/figure><figure class='gallery-item'>\n\t\t\t<div class='gallery-icon landscape'>\n\t\t\t\t<a href='https:\/\/itayachtscanada.com\/fr\/listing\/horizon-e81-2022-4699000-usd-for-sale\/capture-decran-le-2025-07-25-a-07-29-34\/'><img loading=\"lazy\" decoding=\"async\" width=\"300\" height=\"203\" src=\"https:\/\/i0.wp.com\/itayachtscanada.com\/wp-content\/uploads\/2025\/07\/Capture-decran-le-2025-07-25-a-07.29.34.jpg?fit=300%2C203&amp;ssl=1\" class=\"attachment-medium size-medium\" alt=\"\" srcset=\"https:\/\/i0.wp.com\/itayachtscanada.com\/wp-content\/uploads\/2025\/07\/Capture-decran-le-2025-07-25-a-07.29.34.jpg?w=1384&amp;ssl=1 1384w, https:\/\/i0.wp.com\/itayachtscanada.com\/wp-content\/uploads\/2025\/07\/Capture-decran-le-2025-07-25-a-07.29.34.jpg?resize=300%2C203&amp;ssl=1 300w, https:\/\/i0.wp.com\/itayachtscanada.com\/wp-content\/uploads\/2025\/07\/Capture-decran-le-2025-07-25-a-07.29.34.jpg?resize=1024%2C693&amp;ssl=1 1024w, https:\/\/i0.wp.com\/itayachtscanada.com\/wp-content\/uploads\/2025\/07\/Capture-decran-le-2025-07-25-a-07.29.34.jpg?resize=768%2C519&amp;ssl=1 768w, https:\/\/i0.wp.com\/itayachtscanada.com\/wp-content\/uploads\/2025\/07\/Capture-decran-le-2025-07-25-a-07.29.34.jpg?resize=700%2C473&amp;ssl=1 700w, https:\/\/i0.wp.com\/itayachtscanada.com\/wp-content\/uploads\/2025\/07\/Capture-decran-le-2025-07-25-a-07.29.34.jpg?resize=591%2C400&amp;ssl=1 591w\" sizes=\"auto, (max-width: 300px) 100vw, 300px\" data-attachment-id=\"282548\" data-permalink=\"https:\/\/itayachtscanada.com\/fr\/listing\/horizon-e81-2022-4699000-usd-for-sale\/capture-decran-le-2025-07-25-a-07-29-34\/\" data-orig-file=\"https:\/\/i0.wp.com\/itayachtscanada.com\/wp-content\/uploads\/2025\/07\/Capture-decran-le-2025-07-25-a-07.29.34.jpg?fit=1384%2C936&amp;ssl=1\" data-orig-size=\"1384,936\" data-comments-opened=\"1\" data-image-meta=\"{&quot;aperture&quot;:&quot;0&quot;,&quot;credit&quot;:&quot;&quot;,&quot;camera&quot;:&quot;&quot;,&quot;caption&quot;:&quot;&quot;,&quot;created_timestamp&quot;:&quot;0&quot;,&quot;copyright&quot;:&quot;&quot;,&quot;focal_length&quot;:&quot;0&quot;,&quot;iso&quot;:&quot;0&quot;,&quot;shutter_speed&quot;:&quot;0&quot;,&quot;title&quot;:&quot;&quot;,&quot;orientation&quot;:&quot;0&quot;}\" data-image-title=\"Capture d\u2019e\u0301cran, le 2025-07-25 a\u0300 07.29.34\" data-image-description=\"\" data-image-caption=\"\" data-large-file=\"https:\/\/i0.wp.com\/itayachtscanada.com\/wp-content\/uploads\/2025\/07\/Capture-decran-le-2025-07-25-a-07.29.34.jpg?fit=700%2C474&amp;ssl=1\" \/><\/a>\n\t\t\t<\/div><\/figure><figure class='gallery-item'>\n\t\t\t<div class='gallery-icon landscape'>\n\t\t\t\t<a href='https:\/\/itayachtscanada.com\/fr\/listing\/horizon-e81-2022-4699000-usd-for-sale\/capture-decran-le-2025-07-25-a-07-29-26\/'><img loading=\"lazy\" decoding=\"async\" width=\"300\" height=\"203\" src=\"https:\/\/i0.wp.com\/itayachtscanada.com\/wp-content\/uploads\/2025\/07\/Capture-decran-le-2025-07-25-a-07.29.26.jpg?fit=300%2C203&amp;ssl=1\" class=\"attachment-medium size-medium\" alt=\"\" srcset=\"https:\/\/i0.wp.com\/itayachtscanada.com\/wp-content\/uploads\/2025\/07\/Capture-decran-le-2025-07-25-a-07.29.26.jpg?w=1384&amp;ssl=1 1384w, https:\/\/i0.wp.com\/itayachtscanada.com\/wp-content\/uploads\/2025\/07\/Capture-decran-le-2025-07-25-a-07.29.26.jpg?resize=300%2C203&amp;ssl=1 300w, https:\/\/i0.wp.com\/itayachtscanada.com\/wp-content\/uploads\/2025\/07\/Capture-decran-le-2025-07-25-a-07.29.26.jpg?resize=1024%2C693&amp;ssl=1 1024w, https:\/\/i0.wp.com\/itayachtscanada.com\/wp-content\/uploads\/2025\/07\/Capture-decran-le-2025-07-25-a-07.29.26.jpg?resize=768%2C519&amp;ssl=1 768w, https:\/\/i0.wp.com\/itayachtscanada.com\/wp-content\/uploads\/2025\/07\/Capture-decran-le-2025-07-25-a-07.29.26.jpg?resize=700%2C473&amp;ssl=1 700w, https:\/\/i0.wp.com\/itayachtscanada.com\/wp-content\/uploads\/2025\/07\/Capture-decran-le-2025-07-25-a-07.29.26.jpg?resize=591%2C400&amp;ssl=1 591w\" sizes=\"auto, (max-width: 300px) 100vw, 300px\" data-attachment-id=\"282549\" data-permalink=\"https:\/\/itayachtscanada.com\/fr\/listing\/horizon-e81-2022-4699000-usd-for-sale\/capture-decran-le-2025-07-25-a-07-29-26\/\" data-orig-file=\"https:\/\/i0.wp.com\/itayachtscanada.com\/wp-content\/uploads\/2025\/07\/Capture-decran-le-2025-07-25-a-07.29.26.jpg?fit=1384%2C936&amp;ssl=1\" data-orig-size=\"1384,936\" data-comments-opened=\"1\" data-image-meta=\"{&quot;aperture&quot;:&quot;0&quot;,&quot;credit&quot;:&quot;&quot;,&quot;camera&quot;:&quot;&quot;,&quot;caption&quot;:&quot;&quot;,&quot;created_timestamp&quot;:&quot;0&quot;,&quot;copyright&quot;:&quot;&quot;,&quot;focal_length&quot;:&quot;0&quot;,&quot;iso&quot;:&quot;0&quot;,&quot;shutter_speed&quot;:&quot;0&quot;,&quot;title&quot;:&quot;&quot;,&quot;orientation&quot;:&quot;0&quot;}\" data-image-title=\"Capture d\u2019e\u0301cran, le 2025-07-25 a\u0300 07.29.26\" data-image-description=\"\" data-image-caption=\"\" data-large-file=\"https:\/\/i0.wp.com\/itayachtscanada.com\/wp-content\/uploads\/2025\/07\/Capture-decran-le-2025-07-25-a-07.29.26.jpg?fit=700%2C474&amp;ssl=1\" \/><\/a>\n\t\t\t<\/div><\/figure><figure class='gallery-item'>\n\t\t\t<div class='gallery-icon landscape'>\n\t\t\t\t<a href='https:\/\/itayachtscanada.com\/fr\/listing\/horizon-e81-2022-4699000-usd-for-sale\/capture-decran-le-2025-07-25-a-07-29-19\/'><img loading=\"lazy\" decoding=\"async\" width=\"300\" height=\"181\" src=\"https:\/\/i0.wp.com\/itayachtscanada.com\/wp-content\/uploads\/2025\/07\/Capture-decran-le-2025-07-25-a-07.29.19.jpg?fit=300%2C181&amp;ssl=1\" class=\"attachment-medium size-medium\" alt=\"\" srcset=\"https:\/\/i0.wp.com\/itayachtscanada.com\/wp-content\/uploads\/2025\/07\/Capture-decran-le-2025-07-25-a-07.29.19.jpg?w=1554&amp;ssl=1 1554w, https:\/\/i0.wp.com\/itayachtscanada.com\/wp-content\/uploads\/2025\/07\/Capture-decran-le-2025-07-25-a-07.29.19.jpg?resize=300%2C181&amp;ssl=1 300w, https:\/\/i0.wp.com\/itayachtscanada.com\/wp-content\/uploads\/2025\/07\/Capture-decran-le-2025-07-25-a-07.29.19.jpg?resize=1024%2C617&amp;ssl=1 1024w, https:\/\/i0.wp.com\/itayachtscanada.com\/wp-content\/uploads\/2025\/07\/Capture-decran-le-2025-07-25-a-07.29.19.jpg?resize=768%2C463&amp;ssl=1 768w, https:\/\/i0.wp.com\/itayachtscanada.com\/wp-content\/uploads\/2025\/07\/Capture-decran-le-2025-07-25-a-07.29.19.jpg?resize=1536%2C925&amp;ssl=1 1536w, https:\/\/i0.wp.com\/itayachtscanada.com\/wp-content\/uploads\/2025\/07\/Capture-decran-le-2025-07-25-a-07.29.19.jpg?resize=700%2C422&amp;ssl=1 700w, https:\/\/i0.wp.com\/itayachtscanada.com\/wp-content\/uploads\/2025\/07\/Capture-decran-le-2025-07-25-a-07.29.19.jpg?resize=664%2C400&amp;ssl=1 664w, https:\/\/i0.wp.com\/itayachtscanada.com\/wp-content\/uploads\/2025\/07\/Capture-decran-le-2025-07-25-a-07.29.19.jpg?w=1400&amp;ssl=1 1400w\" sizes=\"auto, (max-width: 300px) 100vw, 300px\" data-attachment-id=\"282550\" data-permalink=\"https:\/\/itayachtscanada.com\/fr\/listing\/horizon-e81-2022-4699000-usd-for-sale\/capture-decran-le-2025-07-25-a-07-29-19\/\" data-orig-file=\"https:\/\/i0.wp.com\/itayachtscanada.com\/wp-content\/uploads\/2025\/07\/Capture-decran-le-2025-07-25-a-07.29.19.jpg?fit=1554%2C936&amp;ssl=1\" data-orig-size=\"1554,936\" data-comments-opened=\"1\" data-image-meta=\"{&quot;aperture&quot;:&quot;0&quot;,&quot;credit&quot;:&quot;&quot;,&quot;camera&quot;:&quot;&quot;,&quot;caption&quot;:&quot;&quot;,&quot;created_timestamp&quot;:&quot;0&quot;,&quot;copyright&quot;:&quot;&quot;,&quot;focal_length&quot;:&quot;0&quot;,&quot;iso&quot;:&quot;0&quot;,&quot;shutter_speed&quot;:&quot;0&quot;,&quot;title&quot;:&quot;&quot;,&quot;orientation&quot;:&quot;0&quot;}\" data-image-title=\"Capture d\u2019e\u0301cran, le 2025-07-25 a\u0300 07.29.19\" data-image-description=\"\" data-image-caption=\"\" data-large-file=\"https:\/\/i0.wp.com\/itayachtscanada.com\/wp-content\/uploads\/2025\/07\/Capture-decran-le-2025-07-25-a-07.29.19.jpg?fit=700%2C422&amp;ssl=1\" \/><\/a>\n\t\t\t<\/div><\/figure><figure class='gallery-item'>\n\t\t\t<div class='gallery-icon landscape'>\n\t\t\t\t<a href='https:\/\/itayachtscanada.com\/fr\/listing\/horizon-e81-2022-4699000-usd-for-sale\/capture-decran-le-2025-07-25-a-07-29-09\/'><img loading=\"lazy\" decoding=\"async\" width=\"300\" height=\"203\" src=\"https:\/\/i0.wp.com\/itayachtscanada.com\/wp-content\/uploads\/2025\/07\/Capture-decran-le-2025-07-25-a-07.29.09.jpg?fit=300%2C203&amp;ssl=1\" class=\"attachment-medium size-medium\" alt=\"\" srcset=\"https:\/\/i0.wp.com\/itayachtscanada.com\/wp-content\/uploads\/2025\/07\/Capture-decran-le-2025-07-25-a-07.29.09.jpg?w=1384&amp;ssl=1 1384w, https:\/\/i0.wp.com\/itayachtscanada.com\/wp-content\/uploads\/2025\/07\/Capture-decran-le-2025-07-25-a-07.29.09.jpg?resize=300%2C203&amp;ssl=1 300w, https:\/\/i0.wp.com\/itayachtscanada.com\/wp-content\/uploads\/2025\/07\/Capture-decran-le-2025-07-25-a-07.29.09.jpg?resize=1024%2C693&amp;ssl=1 1024w, https:\/\/i0.wp.com\/itayachtscanada.com\/wp-content\/uploads\/2025\/07\/Capture-decran-le-2025-07-25-a-07.29.09.jpg?resize=768%2C519&amp;ssl=1 768w, https:\/\/i0.wp.com\/itayachtscanada.com\/wp-content\/uploads\/2025\/07\/Capture-decran-le-2025-07-25-a-07.29.09.jpg?resize=700%2C473&amp;ssl=1 700w, https:\/\/i0.wp.com\/itayachtscanada.com\/wp-content\/uploads\/2025\/07\/Capture-decran-le-2025-07-25-a-07.29.09.jpg?resize=591%2C400&amp;ssl=1 591w\" sizes=\"auto, (max-width: 300px) 100vw, 300px\" data-attachment-id=\"282551\" data-permalink=\"https:\/\/itayachtscanada.com\/fr\/listing\/horizon-e81-2022-4699000-usd-for-sale\/capture-decran-le-2025-07-25-a-07-29-09\/\" data-orig-file=\"https:\/\/i0.wp.com\/itayachtscanada.com\/wp-content\/uploads\/2025\/07\/Capture-decran-le-2025-07-25-a-07.29.09.jpg?fit=1384%2C936&amp;ssl=1\" data-orig-size=\"1384,936\" data-comments-opened=\"1\" data-image-meta=\"{&quot;aperture&quot;:&quot;0&quot;,&quot;credit&quot;:&quot;&quot;,&quot;camera&quot;:&quot;&quot;,&quot;caption&quot;:&quot;&quot;,&quot;created_timestamp&quot;:&quot;0&quot;,&quot;copyright&quot;:&quot;&quot;,&quot;focal_length&quot;:&quot;0&quot;,&quot;iso&quot;:&quot;0&quot;,&quot;shutter_speed&quot;:&quot;0&quot;,&quot;title&quot;:&quot;&quot;,&quot;orientation&quot;:&quot;0&quot;}\" data-image-title=\"Capture d\u2019e\u0301cran, le 2025-07-25 a\u0300 07.29.09\" data-image-description=\"\" data-image-caption=\"\" data-large-file=\"https:\/\/i0.wp.com\/itayachtscanada.com\/wp-content\/uploads\/2025\/07\/Capture-decran-le-2025-07-25-a-07.29.09.jpg?fit=700%2C474&amp;ssl=1\" \/><\/a>\n\t\t\t<\/div><\/figure><figure class='gallery-item'>\n\t\t\t<div class='gallery-icon landscape'>\n\t\t\t\t<a href='https:\/\/itayachtscanada.com\/fr\/listing\/horizon-e81-2022-4699000-usd-for-sale\/capture-decran-le-2025-07-25-a-07-29-01\/'><img loading=\"lazy\" decoding=\"async\" width=\"300\" height=\"184\" src=\"https:\/\/i0.wp.com\/itayachtscanada.com\/wp-content\/uploads\/2025\/07\/Capture-decran-le-2025-07-25-a-07.29.01.jpg?fit=300%2C184&amp;ssl=1\" class=\"attachment-medium size-medium\" alt=\"\" srcset=\"https:\/\/i0.wp.com\/itayachtscanada.com\/wp-content\/uploads\/2025\/07\/Capture-decran-le-2025-07-25-a-07.29.01.jpg?w=1522&amp;ssl=1 1522w, https:\/\/i0.wp.com\/itayachtscanada.com\/wp-content\/uploads\/2025\/07\/Capture-decran-le-2025-07-25-a-07.29.01.jpg?resize=300%2C184&amp;ssl=1 300w, https:\/\/i0.wp.com\/itayachtscanada.com\/wp-content\/uploads\/2025\/07\/Capture-decran-le-2025-07-25-a-07.29.01.jpg?resize=1024%2C630&amp;ssl=1 1024w, https:\/\/i0.wp.com\/itayachtscanada.com\/wp-content\/uploads\/2025\/07\/Capture-decran-le-2025-07-25-a-07.29.01.jpg?resize=768%2C472&amp;ssl=1 768w, https:\/\/i0.wp.com\/itayachtscanada.com\/wp-content\/uploads\/2025\/07\/Capture-decran-le-2025-07-25-a-07.29.01.jpg?resize=700%2C430&amp;ssl=1 700w, https:\/\/i0.wp.com\/itayachtscanada.com\/wp-content\/uploads\/2025\/07\/Capture-decran-le-2025-07-25-a-07.29.01.jpg?resize=650%2C400&amp;ssl=1 650w, https:\/\/i0.wp.com\/itayachtscanada.com\/wp-content\/uploads\/2025\/07\/Capture-decran-le-2025-07-25-a-07.29.01.jpg?w=1400&amp;ssl=1 1400w\" sizes=\"auto, (max-width: 300px) 100vw, 300px\" data-attachment-id=\"282553\" data-permalink=\"https:\/\/itayachtscanada.com\/fr\/listing\/horizon-e81-2022-4699000-usd-for-sale\/capture-decran-le-2025-07-25-a-07-29-01\/\" data-orig-file=\"https:\/\/i0.wp.com\/itayachtscanada.com\/wp-content\/uploads\/2025\/07\/Capture-decran-le-2025-07-25-a-07.29.01.jpg?fit=1522%2C936&amp;ssl=1\" data-orig-size=\"1522,936\" data-comments-opened=\"1\" data-image-meta=\"{&quot;aperture&quot;:&quot;0&quot;,&quot;credit&quot;:&quot;&quot;,&quot;camera&quot;:&quot;&quot;,&quot;caption&quot;:&quot;&quot;,&quot;created_timestamp&quot;:&quot;0&quot;,&quot;copyright&quot;:&quot;&quot;,&quot;focal_length&quot;:&quot;0&quot;,&quot;iso&quot;:&quot;0&quot;,&quot;shutter_speed&quot;:&quot;0&quot;,&quot;title&quot;:&quot;&quot;,&quot;orientation&quot;:&quot;0&quot;}\" data-image-title=\"Capture d\u2019e\u0301cran, le 2025-07-25 a\u0300 07.29.01\" data-image-description=\"\" data-image-caption=\"\" data-large-file=\"https:\/\/i0.wp.com\/itayachtscanada.com\/wp-content\/uploads\/2025\/07\/Capture-decran-le-2025-07-25-a-07.29.01.jpg?fit=700%2C431&amp;ssl=1\" \/><\/a>\n\t\t\t<\/div><\/figure><figure class='gallery-item'>\n\t\t\t<div class='gallery-icon landscape'>\n\t\t\t\t<a href='https:\/\/itayachtscanada.com\/fr\/listing\/horizon-e81-2022-4699000-usd-for-sale\/capture-decran-le-2025-07-25-a-07-28-57\/'><img loading=\"lazy\" decoding=\"async\" width=\"300\" height=\"201\" src=\"https:\/\/i0.wp.com\/itayachtscanada.com\/wp-content\/uploads\/2025\/07\/Capture-decran-le-2025-07-25-a-07.28.57.jpg?fit=300%2C201&amp;ssl=1\" class=\"attachment-medium size-medium\" alt=\"\" srcset=\"https:\/\/i0.wp.com\/itayachtscanada.com\/wp-content\/uploads\/2025\/07\/Capture-decran-le-2025-07-25-a-07.28.57.jpg?w=1396&amp;ssl=1 1396w, https:\/\/i0.wp.com\/itayachtscanada.com\/wp-content\/uploads\/2025\/07\/Capture-decran-le-2025-07-25-a-07.28.57.jpg?resize=300%2C201&amp;ssl=1 300w, https:\/\/i0.wp.com\/itayachtscanada.com\/wp-content\/uploads\/2025\/07\/Capture-decran-le-2025-07-25-a-07.28.57.jpg?resize=1024%2C687&amp;ssl=1 1024w, https:\/\/i0.wp.com\/itayachtscanada.com\/wp-content\/uploads\/2025\/07\/Capture-decran-le-2025-07-25-a-07.28.57.jpg?resize=768%2C515&amp;ssl=1 768w, https:\/\/i0.wp.com\/itayachtscanada.com\/wp-content\/uploads\/2025\/07\/Capture-decran-le-2025-07-25-a-07.28.57.jpg?resize=700%2C469&amp;ssl=1 700w, https:\/\/i0.wp.com\/itayachtscanada.com\/wp-content\/uploads\/2025\/07\/Capture-decran-le-2025-07-25-a-07.28.57.jpg?resize=900%2C600&amp;ssl=1 900w, https:\/\/i0.wp.com\/itayachtscanada.com\/wp-content\/uploads\/2025\/07\/Capture-decran-le-2025-07-25-a-07.28.57.jpg?resize=597%2C400&amp;ssl=1 597w\" sizes=\"auto, (max-width: 300px) 100vw, 300px\" data-attachment-id=\"282554\" data-permalink=\"https:\/\/itayachtscanada.com\/fr\/listing\/horizon-e81-2022-4699000-usd-for-sale\/capture-decran-le-2025-07-25-a-07-28-57\/\" data-orig-file=\"https:\/\/i0.wp.com\/itayachtscanada.com\/wp-content\/uploads\/2025\/07\/Capture-decran-le-2025-07-25-a-07.28.57.jpg?fit=1396%2C936&amp;ssl=1\" data-orig-size=\"1396,936\" data-comments-opened=\"1\" data-image-meta=\"{&quot;aperture&quot;:&quot;0&quot;,&quot;credit&quot;:&quot;&quot;,&quot;camera&quot;:&quot;&quot;,&quot;caption&quot;:&quot;&quot;,&quot;created_timestamp&quot;:&quot;0&quot;,&quot;copyright&quot;:&quot;&quot;,&quot;focal_length&quot;:&quot;0&quot;,&quot;iso&quot;:&quot;0&quot;,&quot;shutter_speed&quot;:&quot;0&quot;,&quot;title&quot;:&quot;&quot;,&quot;orientation&quot;:&quot;0&quot;}\" data-image-title=\"Capture d\u2019e\u0301cran, le 2025-07-25 a\u0300 07.28.57\" data-image-description=\"\" data-image-caption=\"\" data-large-file=\"https:\/\/i0.wp.com\/itayachtscanada.com\/wp-content\/uploads\/2025\/07\/Capture-decran-le-2025-07-25-a-07.28.57.jpg?fit=700%2C470&amp;ssl=1\" \/><\/a>\n\t\t\t<\/div><\/figure><figure class='gallery-item'>\n\t\t\t<div class='gallery-icon landscape'>\n\t\t\t\t<a href='https:\/\/itayachtscanada.com\/fr\/listing\/horizon-e81-2022-4699000-usd-for-sale\/capture-decran-le-2025-07-25-a-07-28-54\/'><img loading=\"lazy\" decoding=\"async\" width=\"300\" height=\"201\" src=\"https:\/\/i0.wp.com\/itayachtscanada.com\/wp-content\/uploads\/2025\/07\/Capture-decran-le-2025-07-25-a-07.28.54.jpg?fit=300%2C201&amp;ssl=1\" class=\"attachment-medium size-medium\" alt=\"\" srcset=\"https:\/\/i0.wp.com\/itayachtscanada.com\/wp-content\/uploads\/2025\/07\/Capture-decran-le-2025-07-25-a-07.28.54.jpg?w=1396&amp;ssl=1 1396w, https:\/\/i0.wp.com\/itayachtscanada.com\/wp-content\/uploads\/2025\/07\/Capture-decran-le-2025-07-25-a-07.28.54.jpg?resize=300%2C201&amp;ssl=1 300w, https:\/\/i0.wp.com\/itayachtscanada.com\/wp-content\/uploads\/2025\/07\/Capture-decran-le-2025-07-25-a-07.28.54.jpg?resize=1024%2C687&amp;ssl=1 1024w, https:\/\/i0.wp.com\/itayachtscanada.com\/wp-content\/uploads\/2025\/07\/Capture-decran-le-2025-07-25-a-07.28.54.jpg?resize=768%2C515&amp;ssl=1 768w, https:\/\/i0.wp.com\/itayachtscanada.com\/wp-content\/uploads\/2025\/07\/Capture-decran-le-2025-07-25-a-07.28.54.jpg?resize=700%2C469&amp;ssl=1 700w, https:\/\/i0.wp.com\/itayachtscanada.com\/wp-content\/uploads\/2025\/07\/Capture-decran-le-2025-07-25-a-07.28.54.jpg?resize=900%2C600&amp;ssl=1 900w, https:\/\/i0.wp.com\/itayachtscanada.com\/wp-content\/uploads\/2025\/07\/Capture-decran-le-2025-07-25-a-07.28.54.jpg?resize=597%2C400&amp;ssl=1 597w\" sizes=\"auto, (max-width: 300px) 100vw, 300px\" data-attachment-id=\"282555\" data-permalink=\"https:\/\/itayachtscanada.com\/fr\/listing\/horizon-e81-2022-4699000-usd-for-sale\/capture-decran-le-2025-07-25-a-07-28-54\/\" data-orig-file=\"https:\/\/i0.wp.com\/itayachtscanada.com\/wp-content\/uploads\/2025\/07\/Capture-decran-le-2025-07-25-a-07.28.54.jpg?fit=1396%2C936&amp;ssl=1\" data-orig-size=\"1396,936\" data-comments-opened=\"1\" data-image-meta=\"{&quot;aperture&quot;:&quot;0&quot;,&quot;credit&quot;:&quot;&quot;,&quot;camera&quot;:&quot;&quot;,&quot;caption&quot;:&quot;&quot;,&quot;created_timestamp&quot;:&quot;0&quot;,&quot;copyright&quot;:&quot;&quot;,&quot;focal_length&quot;:&quot;0&quot;,&quot;iso&quot;:&quot;0&quot;,&quot;shutter_speed&quot;:&quot;0&quot;,&quot;title&quot;:&quot;&quot;,&quot;orientation&quot;:&quot;0&quot;}\" data-image-title=\"Capture d\u2019e\u0301cran, le 2025-07-25 a\u0300 07.28.54\" data-image-description=\"\" data-image-caption=\"\" data-large-file=\"https:\/\/i0.wp.com\/itayachtscanada.com\/wp-content\/uploads\/2025\/07\/Capture-decran-le-2025-07-25-a-07.28.54.jpg?fit=700%2C470&amp;ssl=1\" \/><\/a>\n\t\t\t<\/div><\/figure><figure class='gallery-item'>\n\t\t\t<div class='gallery-icon landscape'>\n\t\t\t\t<a href='https:\/\/itayachtscanada.com\/fr\/listing\/horizon-e81-2022-4699000-usd-for-sale\/capture-decran-le-2025-07-25-a-07-28-50\/'><img loading=\"lazy\" decoding=\"async\" width=\"300\" height=\"201\" src=\"https:\/\/i0.wp.com\/itayachtscanada.com\/wp-content\/uploads\/2025\/07\/Capture-decran-le-2025-07-25-a-07.28.50.jpg?fit=300%2C201&amp;ssl=1\" class=\"attachment-medium size-medium\" alt=\"\" srcset=\"https:\/\/i0.wp.com\/itayachtscanada.com\/wp-content\/uploads\/2025\/07\/Capture-decran-le-2025-07-25-a-07.28.50.jpg?w=1396&amp;ssl=1 1396w, https:\/\/i0.wp.com\/itayachtscanada.com\/wp-content\/uploads\/2025\/07\/Capture-decran-le-2025-07-25-a-07.28.50.jpg?resize=300%2C201&amp;ssl=1 300w, https:\/\/i0.wp.com\/itayachtscanada.com\/wp-content\/uploads\/2025\/07\/Capture-decran-le-2025-07-25-a-07.28.50.jpg?resize=1024%2C687&amp;ssl=1 1024w, https:\/\/i0.wp.com\/itayachtscanada.com\/wp-content\/uploads\/2025\/07\/Capture-decran-le-2025-07-25-a-07.28.50.jpg?resize=768%2C515&amp;ssl=1 768w, https:\/\/i0.wp.com\/itayachtscanada.com\/wp-content\/uploads\/2025\/07\/Capture-decran-le-2025-07-25-a-07.28.50.jpg?resize=700%2C469&amp;ssl=1 700w, https:\/\/i0.wp.com\/itayachtscanada.com\/wp-content\/uploads\/2025\/07\/Capture-decran-le-2025-07-25-a-07.28.50.jpg?resize=900%2C600&amp;ssl=1 900w, https:\/\/i0.wp.com\/itayachtscanada.com\/wp-content\/uploads\/2025\/07\/Capture-decran-le-2025-07-25-a-07.28.50.jpg?resize=597%2C400&amp;ssl=1 597w\" sizes=\"auto, (max-width: 300px) 100vw, 300px\" data-attachment-id=\"282556\" data-permalink=\"https:\/\/itayachtscanada.com\/fr\/listing\/horizon-e81-2022-4699000-usd-for-sale\/capture-decran-le-2025-07-25-a-07-28-50\/\" data-orig-file=\"https:\/\/i0.wp.com\/itayachtscanada.com\/wp-content\/uploads\/2025\/07\/Capture-decran-le-2025-07-25-a-07.28.50.jpg?fit=1396%2C936&amp;ssl=1\" data-orig-size=\"1396,936\" data-comments-opened=\"1\" data-image-meta=\"{&quot;aperture&quot;:&quot;0&quot;,&quot;credit&quot;:&quot;&quot;,&quot;camera&quot;:&quot;&quot;,&quot;caption&quot;:&quot;&quot;,&quot;created_timestamp&quot;:&quot;0&quot;,&quot;copyright&quot;:&quot;&quot;,&quot;focal_length&quot;:&quot;0&quot;,&quot;iso&quot;:&quot;0&quot;,&quot;shutter_speed&quot;:&quot;0&quot;,&quot;title&quot;:&quot;&quot;,&quot;orientation&quot;:&quot;0&quot;}\" data-image-title=\"Capture d\u2019e\u0301cran, le 2025-07-25 a\u0300 07.28.50\" data-image-description=\"\" data-image-caption=\"\" data-large-file=\"https:\/\/i0.wp.com\/itayachtscanada.com\/wp-content\/uploads\/2025\/07\/Capture-decran-le-2025-07-25-a-07.28.50.jpg?fit=700%2C470&amp;ssl=1\" \/><\/a>\n\t\t\t<\/div><\/figure><figure class='gallery-item'>\n\t\t\t<div class='gallery-icon landscape'>\n\t\t\t\t<a href='https:\/\/itayachtscanada.com\/fr\/listing\/horizon-e81-2022-4699000-usd-for-sale\/capture-decran-le-2025-07-25-a-07-28-42\/'><img loading=\"lazy\" decoding=\"async\" width=\"300\" height=\"201\" src=\"https:\/\/i0.wp.com\/itayachtscanada.com\/wp-content\/uploads\/2025\/07\/Capture-decran-le-2025-07-25-a-07.28.42.jpg?fit=300%2C201&amp;ssl=1\" class=\"attachment-medium size-medium\" alt=\"\" srcset=\"https:\/\/i0.wp.com\/itayachtscanada.com\/wp-content\/uploads\/2025\/07\/Capture-decran-le-2025-07-25-a-07.28.42.jpg?w=1396&amp;ssl=1 1396w, https:\/\/i0.wp.com\/itayachtscanada.com\/wp-content\/uploads\/2025\/07\/Capture-decran-le-2025-07-25-a-07.28.42.jpg?resize=300%2C201&amp;ssl=1 300w, https:\/\/i0.wp.com\/itayachtscanada.com\/wp-content\/uploads\/2025\/07\/Capture-decran-le-2025-07-25-a-07.28.42.jpg?resize=1024%2C687&amp;ssl=1 1024w, https:\/\/i0.wp.com\/itayachtscanada.com\/wp-content\/uploads\/2025\/07\/Capture-decran-le-2025-07-25-a-07.28.42.jpg?resize=768%2C515&amp;ssl=1 768w, https:\/\/i0.wp.com\/itayachtscanada.com\/wp-content\/uploads\/2025\/07\/Capture-decran-le-2025-07-25-a-07.28.42.jpg?resize=700%2C469&amp;ssl=1 700w, https:\/\/i0.wp.com\/itayachtscanada.com\/wp-content\/uploads\/2025\/07\/Capture-decran-le-2025-07-25-a-07.28.42.jpg?resize=900%2C600&amp;ssl=1 900w, https:\/\/i0.wp.com\/itayachtscanada.com\/wp-content\/uploads\/2025\/07\/Capture-decran-le-2025-07-25-a-07.28.42.jpg?resize=597%2C400&amp;ssl=1 597w\" sizes=\"auto, (max-width: 300px) 100vw, 300px\" data-attachment-id=\"282557\" data-permalink=\"https:\/\/itayachtscanada.com\/fr\/listing\/horizon-e81-2022-4699000-usd-for-sale\/capture-decran-le-2025-07-25-a-07-28-42\/\" data-orig-file=\"https:\/\/i0.wp.com\/itayachtscanada.com\/wp-content\/uploads\/2025\/07\/Capture-decran-le-2025-07-25-a-07.28.42.jpg?fit=1396%2C936&amp;ssl=1\" data-orig-size=\"1396,936\" data-comments-opened=\"1\" data-image-meta=\"{&quot;aperture&quot;:&quot;0&quot;,&quot;credit&quot;:&quot;&quot;,&quot;camera&quot;:&quot;&quot;,&quot;caption&quot;:&quot;&quot;,&quot;created_timestamp&quot;:&quot;0&quot;,&quot;copyright&quot;:&quot;&quot;,&quot;focal_length&quot;:&quot;0&quot;,&quot;iso&quot;:&quot;0&quot;,&quot;shutter_speed&quot;:&quot;0&quot;,&quot;title&quot;:&quot;&quot;,&quot;orientation&quot;:&quot;0&quot;}\" data-image-title=\"Capture d\u2019e\u0301cran, le 2025-07-25 a\u0300 07.28.42\" data-image-description=\"\" data-image-caption=\"\" data-large-file=\"https:\/\/i0.wp.com\/itayachtscanada.com\/wp-content\/uploads\/2025\/07\/Capture-decran-le-2025-07-25-a-07.28.42.jpg?fit=700%2C470&amp;ssl=1\" \/><\/a>\n\t\t\t<\/div><\/figure><figure class='gallery-item'>\n\t\t\t<div class='gallery-icon portrait'>\n\t\t\t\t<a href='https:\/\/itayachtscanada.com\/fr\/listing\/horizon-e81-2022-4699000-usd-for-sale\/capture-decran-le-2025-07-25-a-07-28-26\/'><img loading=\"lazy\" decoding=\"async\" width=\"200\" height=\"300\" src=\"https:\/\/i0.wp.com\/itayachtscanada.com\/wp-content\/uploads\/2025\/07\/Capture-decran-le-2025-07-25-a-07.28.26.jpg?fit=200%2C300&amp;ssl=1\" class=\"attachment-medium size-medium\" alt=\"\" srcset=\"https:\/\/i0.wp.com\/itayachtscanada.com\/wp-content\/uploads\/2025\/07\/Capture-decran-le-2025-07-25-a-07.28.26.jpg?w=624&amp;ssl=1 624w, https:\/\/i0.wp.com\/itayachtscanada.com\/wp-content\/uploads\/2025\/07\/Capture-decran-le-2025-07-25-a-07.28.26.jpg?resize=200%2C300&amp;ssl=1 200w, https:\/\/i0.wp.com\/itayachtscanada.com\/wp-content\/uploads\/2025\/07\/Capture-decran-le-2025-07-25-a-07.28.26.jpg?resize=267%2C400&amp;ssl=1 267w\" sizes=\"auto, (max-width: 200px) 100vw, 200px\" data-attachment-id=\"282558\" data-permalink=\"https:\/\/itayachtscanada.com\/fr\/listing\/horizon-e81-2022-4699000-usd-for-sale\/capture-decran-le-2025-07-25-a-07-28-26\/\" data-orig-file=\"https:\/\/i0.wp.com\/itayachtscanada.com\/wp-content\/uploads\/2025\/07\/Capture-decran-le-2025-07-25-a-07.28.26.jpg?fit=624%2C936&amp;ssl=1\" data-orig-size=\"624,936\" data-comments-opened=\"1\" data-image-meta=\"{&quot;aperture&quot;:&quot;0&quot;,&quot;credit&quot;:&quot;&quot;,&quot;camera&quot;:&quot;&quot;,&quot;caption&quot;:&quot;&quot;,&quot;created_timestamp&quot;:&quot;0&quot;,&quot;copyright&quot;:&quot;&quot;,&quot;focal_length&quot;:&quot;0&quot;,&quot;iso&quot;:&quot;0&quot;,&quot;shutter_speed&quot;:&quot;0&quot;,&quot;title&quot;:&quot;&quot;,&quot;orientation&quot;:&quot;0&quot;}\" data-image-title=\"Capture d\u2019e\u0301cran, le 2025-07-25 a\u0300 07.28.26\" data-image-description=\"\" data-image-caption=\"\" data-large-file=\"https:\/\/i0.wp.com\/itayachtscanada.com\/wp-content\/uploads\/2025\/07\/Capture-decran-le-2025-07-25-a-07.28.26.jpg?fit=624%2C936&amp;ssl=1\" \/><\/a>\n\t\t\t<\/div><\/figure><figure class='gallery-item'>\n\t\t\t<div class='gallery-icon portrait'>\n\t\t\t\t<a href='https:\/\/itayachtscanada.com\/fr\/listing\/horizon-e81-2022-4699000-usd-for-sale\/capture-decran-le-2025-07-25-a-07-28-17\/'><img loading=\"lazy\" decoding=\"async\" width=\"200\" height=\"300\" src=\"https:\/\/i0.wp.com\/itayachtscanada.com\/wp-content\/uploads\/2025\/07\/Capture-decran-le-2025-07-25-a-07.28.17.jpg?fit=200%2C300&amp;ssl=1\" class=\"attachment-medium size-medium\" alt=\"\" srcset=\"https:\/\/i0.wp.com\/itayachtscanada.com\/wp-content\/uploads\/2025\/07\/Capture-decran-le-2025-07-25-a-07.28.17.jpg?w=624&amp;ssl=1 624w, https:\/\/i0.wp.com\/itayachtscanada.com\/wp-content\/uploads\/2025\/07\/Capture-decran-le-2025-07-25-a-07.28.17.jpg?resize=200%2C300&amp;ssl=1 200w, https:\/\/i0.wp.com\/itayachtscanada.com\/wp-content\/uploads\/2025\/07\/Capture-decran-le-2025-07-25-a-07.28.17.jpg?resize=267%2C400&amp;ssl=1 267w\" sizes=\"auto, (max-width: 200px) 100vw, 200px\" data-attachment-id=\"282559\" data-permalink=\"https:\/\/itayachtscanada.com\/fr\/listing\/horizon-e81-2022-4699000-usd-for-sale\/capture-decran-le-2025-07-25-a-07-28-17\/\" data-orig-file=\"https:\/\/i0.wp.com\/itayachtscanada.com\/wp-content\/uploads\/2025\/07\/Capture-decran-le-2025-07-25-a-07.28.17.jpg?fit=624%2C936&amp;ssl=1\" data-orig-size=\"624,936\" data-comments-opened=\"1\" data-image-meta=\"{&quot;aperture&quot;:&quot;0&quot;,&quot;credit&quot;:&quot;&quot;,&quot;camera&quot;:&quot;&quot;,&quot;caption&quot;:&quot;&quot;,&quot;created_timestamp&quot;:&quot;0&quot;,&quot;copyright&quot;:&quot;&quot;,&quot;focal_length&quot;:&quot;0&quot;,&quot;iso&quot;:&quot;0&quot;,&quot;shutter_speed&quot;:&quot;0&quot;,&quot;title&quot;:&quot;&quot;,&quot;orientation&quot;:&quot;0&quot;}\" data-image-title=\"Capture d\u2019e\u0301cran, le 2025-07-25 a\u0300 07.28.17\" data-image-description=\"\" data-image-caption=\"\" data-large-file=\"https:\/\/i0.wp.com\/itayachtscanada.com\/wp-content\/uploads\/2025\/07\/Capture-decran-le-2025-07-25-a-07.28.17.jpg?fit=624%2C936&amp;ssl=1\" \/><\/a>\n\t\t\t<\/div><\/figure><figure class='gallery-item'>\n\t\t\t<div class='gallery-icon landscape'>\n\t\t\t\t<a href='https:\/\/itayachtscanada.com\/fr\/listing\/horizon-e81-2022-4699000-usd-for-sale\/capture-decran-le-2025-07-25-a-07-28-14\/'><img loading=\"lazy\" decoding=\"async\" width=\"300\" height=\"201\" src=\"https:\/\/i0.wp.com\/itayachtscanada.com\/wp-content\/uploads\/2025\/07\/Capture-decran-le-2025-07-25-a-07.28.14.jpg?fit=300%2C201&amp;ssl=1\" class=\"attachment-medium size-medium\" alt=\"\" srcset=\"https:\/\/i0.wp.com\/itayachtscanada.com\/wp-content\/uploads\/2025\/07\/Capture-decran-le-2025-07-25-a-07.28.14.jpg?w=1398&amp;ssl=1 1398w, https:\/\/i0.wp.com\/itayachtscanada.com\/wp-content\/uploads\/2025\/07\/Capture-decran-le-2025-07-25-a-07.28.14.jpg?resize=300%2C201&amp;ssl=1 300w, https:\/\/i0.wp.com\/itayachtscanada.com\/wp-content\/uploads\/2025\/07\/Capture-decran-le-2025-07-25-a-07.28.14.jpg?resize=1024%2C686&amp;ssl=1 1024w, https:\/\/i0.wp.com\/itayachtscanada.com\/wp-content\/uploads\/2025\/07\/Capture-decran-le-2025-07-25-a-07.28.14.jpg?resize=768%2C514&amp;ssl=1 768w, https:\/\/i0.wp.com\/itayachtscanada.com\/wp-content\/uploads\/2025\/07\/Capture-decran-le-2025-07-25-a-07.28.14.jpg?resize=700%2C469&amp;ssl=1 700w, https:\/\/i0.wp.com\/itayachtscanada.com\/wp-content\/uploads\/2025\/07\/Capture-decran-le-2025-07-25-a-07.28.14.jpg?resize=900%2C600&amp;ssl=1 900w, https:\/\/i0.wp.com\/itayachtscanada.com\/wp-content\/uploads\/2025\/07\/Capture-decran-le-2025-07-25-a-07.28.14.jpg?resize=597%2C400&amp;ssl=1 597w\" sizes=\"auto, (max-width: 300px) 100vw, 300px\" data-attachment-id=\"282560\" data-permalink=\"https:\/\/itayachtscanada.com\/fr\/listing\/horizon-e81-2022-4699000-usd-for-sale\/capture-decran-le-2025-07-25-a-07-28-14\/\" data-orig-file=\"https:\/\/i0.wp.com\/itayachtscanada.com\/wp-content\/uploads\/2025\/07\/Capture-decran-le-2025-07-25-a-07.28.14.jpg?fit=1398%2C936&amp;ssl=1\" data-orig-size=\"1398,936\" data-comments-opened=\"1\" data-image-meta=\"{&quot;aperture&quot;:&quot;0&quot;,&quot;credit&quot;:&quot;&quot;,&quot;camera&quot;:&quot;&quot;,&quot;caption&quot;:&quot;&quot;,&quot;created_timestamp&quot;:&quot;0&quot;,&quot;copyright&quot;:&quot;&quot;,&quot;focal_length&quot;:&quot;0&quot;,&quot;iso&quot;:&quot;0&quot;,&quot;shutter_speed&quot;:&quot;0&quot;,&quot;title&quot;:&quot;&quot;,&quot;orientation&quot;:&quot;0&quot;}\" data-image-title=\"Capture d\u2019e\u0301cran, le 2025-07-25 a\u0300 07.28.14\" data-image-description=\"\" data-image-caption=\"\" data-large-file=\"https:\/\/i0.wp.com\/itayachtscanada.com\/wp-content\/uploads\/2025\/07\/Capture-decran-le-2025-07-25-a-07.28.14.jpg?fit=700%2C469&amp;ssl=1\" \/><\/a>\n\t\t\t<\/div><\/figure><figure class='gallery-item'>\n\t\t\t<div class='gallery-icon landscape'>\n\t\t\t\t<a href='https:\/\/itayachtscanada.com\/fr\/listing\/horizon-e81-2022-4699000-usd-for-sale\/capture-decran-le-2025-07-25-a-07-28-10\/'><img loading=\"lazy\" decoding=\"async\" width=\"300\" height=\"201\" src=\"https:\/\/i0.wp.com\/itayachtscanada.com\/wp-content\/uploads\/2025\/07\/Capture-decran-le-2025-07-25-a-07.28.10.jpg?fit=300%2C201&amp;ssl=1\" class=\"attachment-medium size-medium\" alt=\"\" srcset=\"https:\/\/i0.wp.com\/itayachtscanada.com\/wp-content\/uploads\/2025\/07\/Capture-decran-le-2025-07-25-a-07.28.10.jpg?w=1398&amp;ssl=1 1398w, https:\/\/i0.wp.com\/itayachtscanada.com\/wp-content\/uploads\/2025\/07\/Capture-decran-le-2025-07-25-a-07.28.10.jpg?resize=300%2C201&amp;ssl=1 300w, https:\/\/i0.wp.com\/itayachtscanada.com\/wp-content\/uploads\/2025\/07\/Capture-decran-le-2025-07-25-a-07.28.10.jpg?resize=1024%2C686&amp;ssl=1 1024w, https:\/\/i0.wp.com\/itayachtscanada.com\/wp-content\/uploads\/2025\/07\/Capture-decran-le-2025-07-25-a-07.28.10.jpg?resize=768%2C514&amp;ssl=1 768w, https:\/\/i0.wp.com\/itayachtscanada.com\/wp-content\/uploads\/2025\/07\/Capture-decran-le-2025-07-25-a-07.28.10.jpg?resize=700%2C469&amp;ssl=1 700w, https:\/\/i0.wp.com\/itayachtscanada.com\/wp-content\/uploads\/2025\/07\/Capture-decran-le-2025-07-25-a-07.28.10.jpg?resize=900%2C600&amp;ssl=1 900w, https:\/\/i0.wp.com\/itayachtscanada.com\/wp-content\/uploads\/2025\/07\/Capture-decran-le-2025-07-25-a-07.28.10.jpg?resize=597%2C400&amp;ssl=1 597w\" sizes=\"auto, (max-width: 300px) 100vw, 300px\" data-attachment-id=\"282561\" data-permalink=\"https:\/\/itayachtscanada.com\/fr\/listing\/horizon-e81-2022-4699000-usd-for-sale\/capture-decran-le-2025-07-25-a-07-28-10\/\" data-orig-file=\"https:\/\/i0.wp.com\/itayachtscanada.com\/wp-content\/uploads\/2025\/07\/Capture-decran-le-2025-07-25-a-07.28.10.jpg?fit=1398%2C936&amp;ssl=1\" data-orig-size=\"1398,936\" data-comments-opened=\"1\" data-image-meta=\"{&quot;aperture&quot;:&quot;0&quot;,&quot;credit&quot;:&quot;&quot;,&quot;camera&quot;:&quot;&quot;,&quot;caption&quot;:&quot;&quot;,&quot;created_timestamp&quot;:&quot;0&quot;,&quot;copyright&quot;:&quot;&quot;,&quot;focal_length&quot;:&quot;0&quot;,&quot;iso&quot;:&quot;0&quot;,&quot;shutter_speed&quot;:&quot;0&quot;,&quot;title&quot;:&quot;&quot;,&quot;orientation&quot;:&quot;0&quot;}\" data-image-title=\"Capture d\u2019e\u0301cran, le 2025-07-25 a\u0300 07.28.10\" data-image-description=\"\" data-image-caption=\"\" data-large-file=\"https:\/\/i0.wp.com\/itayachtscanada.com\/wp-content\/uploads\/2025\/07\/Capture-decran-le-2025-07-25-a-07.28.10.jpg?fit=700%2C469&amp;ssl=1\" \/><\/a>\n\t\t\t<\/div><\/figure><figure class='gallery-item'>\n\t\t\t<div class='gallery-icon landscape'>\n\t\t\t\t<a href='https:\/\/itayachtscanada.com\/fr\/listing\/horizon-e81-2022-4699000-usd-for-sale\/capture-decran-le-2025-07-25-a-07-28-02\/'><img loading=\"lazy\" decoding=\"async\" width=\"300\" height=\"201\" src=\"https:\/\/i0.wp.com\/itayachtscanada.com\/wp-content\/uploads\/2025\/07\/Capture-decran-le-2025-07-25-a-07.28.02.jpg?fit=300%2C201&amp;ssl=1\" class=\"attachment-medium size-medium\" alt=\"\" srcset=\"https:\/\/i0.wp.com\/itayachtscanada.com\/wp-content\/uploads\/2025\/07\/Capture-decran-le-2025-07-25-a-07.28.02.jpg?w=1398&amp;ssl=1 1398w, https:\/\/i0.wp.com\/itayachtscanada.com\/wp-content\/uploads\/2025\/07\/Capture-decran-le-2025-07-25-a-07.28.02.jpg?resize=300%2C201&amp;ssl=1 300w, https:\/\/i0.wp.com\/itayachtscanada.com\/wp-content\/uploads\/2025\/07\/Capture-decran-le-2025-07-25-a-07.28.02.jpg?resize=1024%2C686&amp;ssl=1 1024w, https:\/\/i0.wp.com\/itayachtscanada.com\/wp-content\/uploads\/2025\/07\/Capture-decran-le-2025-07-25-a-07.28.02.jpg?resize=768%2C514&amp;ssl=1 768w, https:\/\/i0.wp.com\/itayachtscanada.com\/wp-content\/uploads\/2025\/07\/Capture-decran-le-2025-07-25-a-07.28.02.jpg?resize=700%2C469&amp;ssl=1 700w, https:\/\/i0.wp.com\/itayachtscanada.com\/wp-content\/uploads\/2025\/07\/Capture-decran-le-2025-07-25-a-07.28.02.jpg?resize=900%2C600&amp;ssl=1 900w, https:\/\/i0.wp.com\/itayachtscanada.com\/wp-content\/uploads\/2025\/07\/Capture-decran-le-2025-07-25-a-07.28.02.jpg?resize=597%2C400&amp;ssl=1 597w\" sizes=\"auto, (max-width: 300px) 100vw, 300px\" data-attachment-id=\"282562\" data-permalink=\"https:\/\/itayachtscanada.com\/fr\/listing\/horizon-e81-2022-4699000-usd-for-sale\/capture-decran-le-2025-07-25-a-07-28-02\/\" data-orig-file=\"https:\/\/i0.wp.com\/itayachtscanada.com\/wp-content\/uploads\/2025\/07\/Capture-decran-le-2025-07-25-a-07.28.02.jpg?fit=1398%2C936&amp;ssl=1\" data-orig-size=\"1398,936\" data-comments-opened=\"1\" data-image-meta=\"{&quot;aperture&quot;:&quot;0&quot;,&quot;credit&quot;:&quot;&quot;,&quot;camera&quot;:&quot;&quot;,&quot;caption&quot;:&quot;&quot;,&quot;created_timestamp&quot;:&quot;0&quot;,&quot;copyright&quot;:&quot;&quot;,&quot;focal_length&quot;:&quot;0&quot;,&quot;iso&quot;:&quot;0&quot;,&quot;shutter_speed&quot;:&quot;0&quot;,&quot;title&quot;:&quot;&quot;,&quot;orientation&quot;:&quot;0&quot;}\" data-image-title=\"Capture d\u2019e\u0301cran, le 2025-07-25 a\u0300 07.28.02\" data-image-description=\"\" data-image-caption=\"\" data-large-file=\"https:\/\/i0.wp.com\/itayachtscanada.com\/wp-content\/uploads\/2025\/07\/Capture-decran-le-2025-07-25-a-07.28.02.jpg?fit=700%2C469&amp;ssl=1\" \/><\/a>\n\t\t\t<\/div><\/figure><figure class='gallery-item'>\n\t\t\t<div class='gallery-icon landscape'>\n\t\t\t\t<a href='https:\/\/itayachtscanada.com\/fr\/listing\/horizon-e81-2022-4699000-usd-for-sale\/capture-decran-le-2025-07-25-a-07-27-53\/'><img loading=\"lazy\" decoding=\"async\" width=\"300\" height=\"188\" src=\"https:\/\/i0.wp.com\/itayachtscanada.com\/wp-content\/uploads\/2025\/07\/Capture-decran-le-2025-07-25-a-07.27.53.jpg?fit=300%2C188&amp;ssl=1\" class=\"attachment-medium size-medium\" alt=\"\" srcset=\"https:\/\/i0.wp.com\/itayachtscanada.com\/wp-content\/uploads\/2025\/07\/Capture-decran-le-2025-07-25-a-07.27.53.jpg?w=1496&amp;ssl=1 1496w, https:\/\/i0.wp.com\/itayachtscanada.com\/wp-content\/uploads\/2025\/07\/Capture-decran-le-2025-07-25-a-07.27.53.jpg?resize=300%2C188&amp;ssl=1 300w, https:\/\/i0.wp.com\/itayachtscanada.com\/wp-content\/uploads\/2025\/07\/Capture-decran-le-2025-07-25-a-07.27.53.jpg?resize=1024%2C641&amp;ssl=1 1024w, https:\/\/i0.wp.com\/itayachtscanada.com\/wp-content\/uploads\/2025\/07\/Capture-decran-le-2025-07-25-a-07.27.53.jpg?resize=768%2C481&amp;ssl=1 768w, https:\/\/i0.wp.com\/itayachtscanada.com\/wp-content\/uploads\/2025\/07\/Capture-decran-le-2025-07-25-a-07.27.53.jpg?resize=700%2C438&amp;ssl=1 700w, https:\/\/i0.wp.com\/itayachtscanada.com\/wp-content\/uploads\/2025\/07\/Capture-decran-le-2025-07-25-a-07.27.53.jpg?resize=639%2C400&amp;ssl=1 639w, https:\/\/i0.wp.com\/itayachtscanada.com\/wp-content\/uploads\/2025\/07\/Capture-decran-le-2025-07-25-a-07.27.53.jpg?w=1400&amp;ssl=1 1400w\" sizes=\"auto, (max-width: 300px) 100vw, 300px\" data-attachment-id=\"282563\" data-permalink=\"https:\/\/itayachtscanada.com\/fr\/listing\/horizon-e81-2022-4699000-usd-for-sale\/capture-decran-le-2025-07-25-a-07-27-53\/\" data-orig-file=\"https:\/\/i0.wp.com\/itayachtscanada.com\/wp-content\/uploads\/2025\/07\/Capture-decran-le-2025-07-25-a-07.27.53.jpg?fit=1496%2C936&amp;ssl=1\" data-orig-size=\"1496,936\" data-comments-opened=\"1\" data-image-meta=\"{&quot;aperture&quot;:&quot;0&quot;,&quot;credit&quot;:&quot;&quot;,&quot;camera&quot;:&quot;&quot;,&quot;caption&quot;:&quot;&quot;,&quot;created_timestamp&quot;:&quot;0&quot;,&quot;copyright&quot;:&quot;&quot;,&quot;focal_length&quot;:&quot;0&quot;,&quot;iso&quot;:&quot;0&quot;,&quot;shutter_speed&quot;:&quot;0&quot;,&quot;title&quot;:&quot;&quot;,&quot;orientation&quot;:&quot;0&quot;}\" data-image-title=\"Capture d\u2019e\u0301cran, le 2025-07-25 a\u0300 07.27.53\" data-image-description=\"\" data-image-caption=\"\" data-large-file=\"https:\/\/i0.wp.com\/itayachtscanada.com\/wp-content\/uploads\/2025\/07\/Capture-decran-le-2025-07-25-a-07.27.53.jpg?fit=700%2C438&amp;ssl=1\" \/><\/a>\n\t\t\t<\/div><\/figure><figure class='gallery-item'>\n\t\t\t<div class='gallery-icon landscape'>\n\t\t\t\t<a href='https:\/\/itayachtscanada.com\/fr\/listing\/horizon-e81-2022-4699000-usd-for-sale\/capture-decran-le-2025-07-25-a-07-27-49\/'><img loading=\"lazy\" decoding=\"async\" width=\"300\" height=\"203\" src=\"https:\/\/i0.wp.com\/itayachtscanada.com\/wp-content\/uploads\/2025\/07\/Capture-decran-le-2025-07-25-a-07.27.49.jpg?fit=300%2C203&amp;ssl=1\" class=\"attachment-medium size-medium\" alt=\"\" srcset=\"https:\/\/i0.wp.com\/itayachtscanada.com\/wp-content\/uploads\/2025\/07\/Capture-decran-le-2025-07-25-a-07.27.49.jpg?w=1386&amp;ssl=1 1386w, https:\/\/i0.wp.com\/itayachtscanada.com\/wp-content\/uploads\/2025\/07\/Capture-decran-le-2025-07-25-a-07.27.49.jpg?resize=300%2C203&amp;ssl=1 300w, https:\/\/i0.wp.com\/itayachtscanada.com\/wp-content\/uploads\/2025\/07\/Capture-decran-le-2025-07-25-a-07.27.49.jpg?resize=1024%2C692&amp;ssl=1 1024w, https:\/\/i0.wp.com\/itayachtscanada.com\/wp-content\/uploads\/2025\/07\/Capture-decran-le-2025-07-25-a-07.27.49.jpg?resize=768%2C519&amp;ssl=1 768w, https:\/\/i0.wp.com\/itayachtscanada.com\/wp-content\/uploads\/2025\/07\/Capture-decran-le-2025-07-25-a-07.27.49.jpg?resize=700%2C473&amp;ssl=1 700w, https:\/\/i0.wp.com\/itayachtscanada.com\/wp-content\/uploads\/2025\/07\/Capture-decran-le-2025-07-25-a-07.27.49.jpg?resize=592%2C400&amp;ssl=1 592w\" sizes=\"auto, (max-width: 300px) 100vw, 300px\" data-attachment-id=\"282564\" data-permalink=\"https:\/\/itayachtscanada.com\/fr\/listing\/horizon-e81-2022-4699000-usd-for-sale\/capture-decran-le-2025-07-25-a-07-27-49\/\" data-orig-file=\"https:\/\/i0.wp.com\/itayachtscanada.com\/wp-content\/uploads\/2025\/07\/Capture-decran-le-2025-07-25-a-07.27.49.jpg?fit=1386%2C936&amp;ssl=1\" data-orig-size=\"1386,936\" data-comments-opened=\"1\" data-image-meta=\"{&quot;aperture&quot;:&quot;0&quot;,&quot;credit&quot;:&quot;&quot;,&quot;camera&quot;:&quot;&quot;,&quot;caption&quot;:&quot;&quot;,&quot;created_timestamp&quot;:&quot;0&quot;,&quot;copyright&quot;:&quot;&quot;,&quot;focal_length&quot;:&quot;0&quot;,&quot;iso&quot;:&quot;0&quot;,&quot;shutter_speed&quot;:&quot;0&quot;,&quot;title&quot;:&quot;&quot;,&quot;orientation&quot;:&quot;0&quot;}\" data-image-title=\"Capture d\u2019e\u0301cran, le 2025-07-25 a\u0300 07.27.49\" data-image-description=\"\" data-image-caption=\"\" data-large-file=\"https:\/\/i0.wp.com\/itayachtscanada.com\/wp-content\/uploads\/2025\/07\/Capture-decran-le-2025-07-25-a-07.27.49.jpg?fit=700%2C473&amp;ssl=1\" \/><\/a>\n\t\t\t<\/div><\/figure><figure class='gallery-item'>\n\t\t\t<div class='gallery-icon landscape'>\n\t\t\t\t<a href='https:\/\/itayachtscanada.com\/fr\/listing\/horizon-e81-2022-4699000-usd-for-sale\/capture-decran-le-2025-07-25-a-07-27-46\/'><img loading=\"lazy\" decoding=\"async\" width=\"300\" height=\"203\" src=\"https:\/\/i0.wp.com\/itayachtscanada.com\/wp-content\/uploads\/2025\/07\/Capture-decran-le-2025-07-25-a-07.27.46.jpg?fit=300%2C203&amp;ssl=1\" class=\"attachment-medium size-medium\" alt=\"\" srcset=\"https:\/\/i0.wp.com\/itayachtscanada.com\/wp-content\/uploads\/2025\/07\/Capture-decran-le-2025-07-25-a-07.27.46.jpg?w=1386&amp;ssl=1 1386w, https:\/\/i0.wp.com\/itayachtscanada.com\/wp-content\/uploads\/2025\/07\/Capture-decran-le-2025-07-25-a-07.27.46.jpg?resize=300%2C203&amp;ssl=1 300w, https:\/\/i0.wp.com\/itayachtscanada.com\/wp-content\/uploads\/2025\/07\/Capture-decran-le-2025-07-25-a-07.27.46.jpg?resize=1024%2C692&amp;ssl=1 1024w, https:\/\/i0.wp.com\/itayachtscanada.com\/wp-content\/uploads\/2025\/07\/Capture-decran-le-2025-07-25-a-07.27.46.jpg?resize=768%2C519&amp;ssl=1 768w, https:\/\/i0.wp.com\/itayachtscanada.com\/wp-content\/uploads\/2025\/07\/Capture-decran-le-2025-07-25-a-07.27.46.jpg?resize=700%2C473&amp;ssl=1 700w, https:\/\/i0.wp.com\/itayachtscanada.com\/wp-content\/uploads\/2025\/07\/Capture-decran-le-2025-07-25-a-07.27.46.jpg?resize=592%2C400&amp;ssl=1 592w\" sizes=\"auto, (max-width: 300px) 100vw, 300px\" data-attachment-id=\"282565\" data-permalink=\"https:\/\/itayachtscanada.com\/fr\/listing\/horizon-e81-2022-4699000-usd-for-sale\/capture-decran-le-2025-07-25-a-07-27-46\/\" data-orig-file=\"https:\/\/i0.wp.com\/itayachtscanada.com\/wp-content\/uploads\/2025\/07\/Capture-decran-le-2025-07-25-a-07.27.46.jpg?fit=1386%2C936&amp;ssl=1\" data-orig-size=\"1386,936\" data-comments-opened=\"1\" data-image-meta=\"{&quot;aperture&quot;:&quot;0&quot;,&quot;credit&quot;:&quot;&quot;,&quot;camera&quot;:&quot;&quot;,&quot;caption&quot;:&quot;&quot;,&quot;created_timestamp&quot;:&quot;0&quot;,&quot;copyright&quot;:&quot;&quot;,&quot;focal_length&quot;:&quot;0&quot;,&quot;iso&quot;:&quot;0&quot;,&quot;shutter_speed&quot;:&quot;0&quot;,&quot;title&quot;:&quot;&quot;,&quot;orientation&quot;:&quot;0&quot;}\" data-image-title=\"Capture d\u2019e\u0301cran, le 2025-07-25 a\u0300 07.27.46\" data-image-description=\"\" data-image-caption=\"\" data-large-file=\"https:\/\/i0.wp.com\/itayachtscanada.com\/wp-content\/uploads\/2025\/07\/Capture-decran-le-2025-07-25-a-07.27.46.jpg?fit=700%2C473&amp;ssl=1\" \/><\/a>\n\t\t\t<\/div><\/figure><figure class='gallery-item'>\n\t\t\t<div class='gallery-icon landscape'>\n\t\t\t\t<a href='https:\/\/itayachtscanada.com\/fr\/listing\/horizon-e81-2022-4699000-usd-for-sale\/capture-decran-le-2025-07-25-a-07-27-37\/'><img loading=\"lazy\" decoding=\"async\" width=\"300\" height=\"203\" src=\"https:\/\/i0.wp.com\/itayachtscanada.com\/wp-content\/uploads\/2025\/07\/Capture-decran-le-2025-07-25-a-07.27.37.jpg?fit=300%2C203&amp;ssl=1\" class=\"attachment-medium size-medium\" alt=\"\" srcset=\"https:\/\/i0.wp.com\/itayachtscanada.com\/wp-content\/uploads\/2025\/07\/Capture-decran-le-2025-07-25-a-07.27.37.jpg?w=1386&amp;ssl=1 1386w, https:\/\/i0.wp.com\/itayachtscanada.com\/wp-content\/uploads\/2025\/07\/Capture-decran-le-2025-07-25-a-07.27.37.jpg?resize=300%2C203&amp;ssl=1 300w, https:\/\/i0.wp.com\/itayachtscanada.com\/wp-content\/uploads\/2025\/07\/Capture-decran-le-2025-07-25-a-07.27.37.jpg?resize=1024%2C692&amp;ssl=1 1024w, https:\/\/i0.wp.com\/itayachtscanada.com\/wp-content\/uploads\/2025\/07\/Capture-decran-le-2025-07-25-a-07.27.37.jpg?resize=768%2C519&amp;ssl=1 768w, https:\/\/i0.wp.com\/itayachtscanada.com\/wp-content\/uploads\/2025\/07\/Capture-decran-le-2025-07-25-a-07.27.37.jpg?resize=700%2C473&amp;ssl=1 700w, https:\/\/i0.wp.com\/itayachtscanada.com\/wp-content\/uploads\/2025\/07\/Capture-decran-le-2025-07-25-a-07.27.37.jpg?resize=592%2C400&amp;ssl=1 592w\" sizes=\"auto, (max-width: 300px) 100vw, 300px\" data-attachment-id=\"282566\" data-permalink=\"https:\/\/itayachtscanada.com\/fr\/listing\/horizon-e81-2022-4699000-usd-for-sale\/capture-decran-le-2025-07-25-a-07-27-37\/\" data-orig-file=\"https:\/\/i0.wp.com\/itayachtscanada.com\/wp-content\/uploads\/2025\/07\/Capture-decran-le-2025-07-25-a-07.27.37.jpg?fit=1386%2C936&amp;ssl=1\" data-orig-size=\"1386,936\" data-comments-opened=\"1\" data-image-meta=\"{&quot;aperture&quot;:&quot;0&quot;,&quot;credit&quot;:&quot;&quot;,&quot;camera&quot;:&quot;&quot;,&quot;caption&quot;:&quot;&quot;,&quot;created_timestamp&quot;:&quot;0&quot;,&quot;copyright&quot;:&quot;&quot;,&quot;focal_length&quot;:&quot;0&quot;,&quot;iso&quot;:&quot;0&quot;,&quot;shutter_speed&quot;:&quot;0&quot;,&quot;title&quot;:&quot;&quot;,&quot;orientation&quot;:&quot;0&quot;}\" data-image-title=\"Capture d\u2019e\u0301cran, le 2025-07-25 a\u0300 07.27.37\" data-image-description=\"\" data-image-caption=\"\" data-large-file=\"https:\/\/i0.wp.com\/itayachtscanada.com\/wp-content\/uploads\/2025\/07\/Capture-decran-le-2025-07-25-a-07.27.37.jpg?fit=700%2C473&amp;ssl=1\" \/><\/a>\n\t\t\t<\/div><\/figure><figure class='gallery-item'>\n\t\t\t<div class='gallery-icon landscape'>\n\t\t\t\t<a href='https:\/\/itayachtscanada.com\/fr\/listing\/horizon-e81-2022-4699000-usd-for-sale\/capture-decran-le-2025-07-25-a-07-27-27\/'><img loading=\"lazy\" decoding=\"async\" width=\"300\" height=\"190\" src=\"https:\/\/i0.wp.com\/itayachtscanada.com\/wp-content\/uploads\/2025\/07\/Capture-decran-le-2025-07-25-a-07.27.27.jpg?fit=300%2C190&amp;ssl=1\" class=\"attachment-medium size-medium\" alt=\"\" srcset=\"https:\/\/i0.wp.com\/itayachtscanada.com\/wp-content\/uploads\/2025\/07\/Capture-decran-le-2025-07-25-a-07.27.27.jpg?w=1478&amp;ssl=1 1478w, https:\/\/i0.wp.com\/itayachtscanada.com\/wp-content\/uploads\/2025\/07\/Capture-decran-le-2025-07-25-a-07.27.27.jpg?resize=300%2C190&amp;ssl=1 300w, https:\/\/i0.wp.com\/itayachtscanada.com\/wp-content\/uploads\/2025\/07\/Capture-decran-le-2025-07-25-a-07.27.27.jpg?resize=1024%2C648&amp;ssl=1 1024w, https:\/\/i0.wp.com\/itayachtscanada.com\/wp-content\/uploads\/2025\/07\/Capture-decran-le-2025-07-25-a-07.27.27.jpg?resize=768%2C486&amp;ssl=1 768w, https:\/\/i0.wp.com\/itayachtscanada.com\/wp-content\/uploads\/2025\/07\/Capture-decran-le-2025-07-25-a-07.27.27.jpg?resize=700%2C443&amp;ssl=1 700w, https:\/\/i0.wp.com\/itayachtscanada.com\/wp-content\/uploads\/2025\/07\/Capture-decran-le-2025-07-25-a-07.27.27.jpg?resize=632%2C400&amp;ssl=1 632w, https:\/\/i0.wp.com\/itayachtscanada.com\/wp-content\/uploads\/2025\/07\/Capture-decran-le-2025-07-25-a-07.27.27.jpg?w=1400&amp;ssl=1 1400w\" sizes=\"auto, (max-width: 300px) 100vw, 300px\" data-attachment-id=\"282567\" data-permalink=\"https:\/\/itayachtscanada.com\/fr\/listing\/horizon-e81-2022-4699000-usd-for-sale\/capture-decran-le-2025-07-25-a-07-27-27\/\" data-orig-file=\"https:\/\/i0.wp.com\/itayachtscanada.com\/wp-content\/uploads\/2025\/07\/Capture-decran-le-2025-07-25-a-07.27.27.jpg?fit=1478%2C936&amp;ssl=1\" data-orig-size=\"1478,936\" data-comments-opened=\"1\" data-image-meta=\"{&quot;aperture&quot;:&quot;0&quot;,&quot;credit&quot;:&quot;&quot;,&quot;camera&quot;:&quot;&quot;,&quot;caption&quot;:&quot;&quot;,&quot;created_timestamp&quot;:&quot;0&quot;,&quot;copyright&quot;:&quot;&quot;,&quot;focal_length&quot;:&quot;0&quot;,&quot;iso&quot;:&quot;0&quot;,&quot;shutter_speed&quot;:&quot;0&quot;,&quot;title&quot;:&quot;&quot;,&quot;orientation&quot;:&quot;0&quot;}\" data-image-title=\"Capture d\u2019e\u0301cran, le 2025-07-25 a\u0300 07.27.27\" data-image-description=\"\" data-image-caption=\"\" data-large-file=\"https:\/\/i0.wp.com\/itayachtscanada.com\/wp-content\/uploads\/2025\/07\/Capture-decran-le-2025-07-25-a-07.27.27.jpg?fit=700%2C443&amp;ssl=1\" \/><\/a>\n\t\t\t<\/div><\/figure><figure class='gallery-item'>\n\t\t\t<div class='gallery-icon landscape'>\n\t\t\t\t<a href='https:\/\/itayachtscanada.com\/fr\/listing\/horizon-e81-2022-4699000-usd-for-sale\/capture-decran-le-2025-07-25-a-07-27-24\/'><img loading=\"lazy\" decoding=\"async\" width=\"300\" height=\"202\" src=\"https:\/\/i0.wp.com\/itayachtscanada.com\/wp-content\/uploads\/2025\/07\/Capture-decran-le-2025-07-25-a-07.27.24.jpg?fit=300%2C202&amp;ssl=1\" class=\"attachment-medium size-medium\" alt=\"\" srcset=\"https:\/\/i0.wp.com\/itayachtscanada.com\/wp-content\/uploads\/2025\/07\/Capture-decran-le-2025-07-25-a-07.27.24.jpg?w=1390&amp;ssl=1 1390w, https:\/\/i0.wp.com\/itayachtscanada.com\/wp-content\/uploads\/2025\/07\/Capture-decran-le-2025-07-25-a-07.27.24.jpg?resize=300%2C202&amp;ssl=1 300w, https:\/\/i0.wp.com\/itayachtscanada.com\/wp-content\/uploads\/2025\/07\/Capture-decran-le-2025-07-25-a-07.27.24.jpg?resize=1024%2C690&amp;ssl=1 1024w, https:\/\/i0.wp.com\/itayachtscanada.com\/wp-content\/uploads\/2025\/07\/Capture-decran-le-2025-07-25-a-07.27.24.jpg?resize=768%2C517&amp;ssl=1 768w, https:\/\/i0.wp.com\/itayachtscanada.com\/wp-content\/uploads\/2025\/07\/Capture-decran-le-2025-07-25-a-07.27.24.jpg?resize=700%2C471&amp;ssl=1 700w, https:\/\/i0.wp.com\/itayachtscanada.com\/wp-content\/uploads\/2025\/07\/Capture-decran-le-2025-07-25-a-07.27.24.jpg?resize=594%2C400&amp;ssl=1 594w\" sizes=\"auto, (max-width: 300px) 100vw, 300px\" data-attachment-id=\"282569\" data-permalink=\"https:\/\/itayachtscanada.com\/fr\/listing\/horizon-e81-2022-4699000-usd-for-sale\/capture-decran-le-2025-07-25-a-07-27-24\/\" data-orig-file=\"https:\/\/i0.wp.com\/itayachtscanada.com\/wp-content\/uploads\/2025\/07\/Capture-decran-le-2025-07-25-a-07.27.24.jpg?fit=1390%2C936&amp;ssl=1\" data-orig-size=\"1390,936\" data-comments-opened=\"1\" data-image-meta=\"{&quot;aperture&quot;:&quot;0&quot;,&quot;credit&quot;:&quot;&quot;,&quot;camera&quot;:&quot;&quot;,&quot;caption&quot;:&quot;&quot;,&quot;created_timestamp&quot;:&quot;0&quot;,&quot;copyright&quot;:&quot;&quot;,&quot;focal_length&quot;:&quot;0&quot;,&quot;iso&quot;:&quot;0&quot;,&quot;shutter_speed&quot;:&quot;0&quot;,&quot;title&quot;:&quot;&quot;,&quot;orientation&quot;:&quot;0&quot;}\" data-image-title=\"Capture d\u2019e\u0301cran, le 2025-07-25 a\u0300 07.27.24\" data-image-description=\"\" data-image-caption=\"\" data-large-file=\"https:\/\/i0.wp.com\/itayachtscanada.com\/wp-content\/uploads\/2025\/07\/Capture-decran-le-2025-07-25-a-07.27.24.jpg?fit=700%2C472&amp;ssl=1\" \/><\/a>\n\t\t\t<\/div><\/figure><figure class='gallery-item'>\n\t\t\t<div class='gallery-icon landscape'>\n\t\t\t\t<a href='https:\/\/itayachtscanada.com\/fr\/listing\/horizon-e81-2022-4699000-usd-for-sale\/capture-decran-le-2025-07-25-a-07-27-22\/'><img loading=\"lazy\" decoding=\"async\" width=\"300\" height=\"202\" src=\"https:\/\/i0.wp.com\/itayachtscanada.com\/wp-content\/uploads\/2025\/07\/Capture-decran-le-2025-07-25-a-07.27.22.jpg?fit=300%2C202&amp;ssl=1\" class=\"attachment-medium size-medium\" alt=\"\" srcset=\"https:\/\/i0.wp.com\/itayachtscanada.com\/wp-content\/uploads\/2025\/07\/Capture-decran-le-2025-07-25-a-07.27.22.jpg?w=1390&amp;ssl=1 1390w, https:\/\/i0.wp.com\/itayachtscanada.com\/wp-content\/uploads\/2025\/07\/Capture-decran-le-2025-07-25-a-07.27.22.jpg?resize=300%2C202&amp;ssl=1 300w, https:\/\/i0.wp.com\/itayachtscanada.com\/wp-content\/uploads\/2025\/07\/Capture-decran-le-2025-07-25-a-07.27.22.jpg?resize=1024%2C690&amp;ssl=1 1024w, https:\/\/i0.wp.com\/itayachtscanada.com\/wp-content\/uploads\/2025\/07\/Capture-decran-le-2025-07-25-a-07.27.22.jpg?resize=768%2C517&amp;ssl=1 768w, https:\/\/i0.wp.com\/itayachtscanada.com\/wp-content\/uploads\/2025\/07\/Capture-decran-le-2025-07-25-a-07.27.22.jpg?resize=700%2C471&amp;ssl=1 700w, https:\/\/i0.wp.com\/itayachtscanada.com\/wp-content\/uploads\/2025\/07\/Capture-decran-le-2025-07-25-a-07.27.22.jpg?resize=594%2C400&amp;ssl=1 594w\" sizes=\"auto, (max-width: 300px) 100vw, 300px\" data-attachment-id=\"282570\" data-permalink=\"https:\/\/itayachtscanada.com\/fr\/listing\/horizon-e81-2022-4699000-usd-for-sale\/capture-decran-le-2025-07-25-a-07-27-22\/\" data-orig-file=\"https:\/\/i0.wp.com\/itayachtscanada.com\/wp-content\/uploads\/2025\/07\/Capture-decran-le-2025-07-25-a-07.27.22.jpg?fit=1390%2C936&amp;ssl=1\" data-orig-size=\"1390,936\" data-comments-opened=\"1\" data-image-meta=\"{&quot;aperture&quot;:&quot;0&quot;,&quot;credit&quot;:&quot;&quot;,&quot;camera&quot;:&quot;&quot;,&quot;caption&quot;:&quot;&quot;,&quot;created_timestamp&quot;:&quot;0&quot;,&quot;copyright&quot;:&quot;&quot;,&quot;focal_length&quot;:&quot;0&quot;,&quot;iso&quot;:&quot;0&quot;,&quot;shutter_speed&quot;:&quot;0&quot;,&quot;title&quot;:&quot;&quot;,&quot;orientation&quot;:&quot;0&quot;}\" data-image-title=\"Capture d\u2019e\u0301cran, le 2025-07-25 a\u0300 07.27.22\" data-image-description=\"\" data-image-caption=\"\" data-large-file=\"https:\/\/i0.wp.com\/itayachtscanada.com\/wp-content\/uploads\/2025\/07\/Capture-decran-le-2025-07-25-a-07.27.22.jpg?fit=700%2C472&amp;ssl=1\" \/><\/a>\n\t\t\t<\/div><\/figure><figure class='gallery-item'>\n\t\t\t<div class='gallery-icon landscape'>\n\t\t\t\t<a href='https:\/\/itayachtscanada.com\/fr\/listing\/horizon-e81-2022-4699000-usd-for-sale\/capture-decran-le-2025-07-25-a-07-27-18\/'><img loading=\"lazy\" decoding=\"async\" width=\"300\" height=\"202\" src=\"https:\/\/i0.wp.com\/itayachtscanada.com\/wp-content\/uploads\/2025\/07\/Capture-decran-le-2025-07-25-a-07.27.18.jpg?fit=300%2C202&amp;ssl=1\" class=\"attachment-medium size-medium\" alt=\"\" srcset=\"https:\/\/i0.wp.com\/itayachtscanada.com\/wp-content\/uploads\/2025\/07\/Capture-decran-le-2025-07-25-a-07.27.18.jpg?w=1390&amp;ssl=1 1390w, https:\/\/i0.wp.com\/itayachtscanada.com\/wp-content\/uploads\/2025\/07\/Capture-decran-le-2025-07-25-a-07.27.18.jpg?resize=300%2C202&amp;ssl=1 300w, https:\/\/i0.wp.com\/itayachtscanada.com\/wp-content\/uploads\/2025\/07\/Capture-decran-le-2025-07-25-a-07.27.18.jpg?resize=1024%2C690&amp;ssl=1 1024w, https:\/\/i0.wp.com\/itayachtscanada.com\/wp-content\/uploads\/2025\/07\/Capture-decran-le-2025-07-25-a-07.27.18.jpg?resize=768%2C517&amp;ssl=1 768w, https:\/\/i0.wp.com\/itayachtscanada.com\/wp-content\/uploads\/2025\/07\/Capture-decran-le-2025-07-25-a-07.27.18.jpg?resize=700%2C471&amp;ssl=1 700w, https:\/\/i0.wp.com\/itayachtscanada.com\/wp-content\/uploads\/2025\/07\/Capture-decran-le-2025-07-25-a-07.27.18.jpg?resize=594%2C400&amp;ssl=1 594w\" sizes=\"auto, (max-width: 300px) 100vw, 300px\" data-attachment-id=\"282571\" data-permalink=\"https:\/\/itayachtscanada.com\/fr\/listing\/horizon-e81-2022-4699000-usd-for-sale\/capture-decran-le-2025-07-25-a-07-27-18\/\" data-orig-file=\"https:\/\/i0.wp.com\/itayachtscanada.com\/wp-content\/uploads\/2025\/07\/Capture-decran-le-2025-07-25-a-07.27.18.jpg?fit=1390%2C936&amp;ssl=1\" data-orig-size=\"1390,936\" data-comments-opened=\"1\" data-image-meta=\"{&quot;aperture&quot;:&quot;0&quot;,&quot;credit&quot;:&quot;&quot;,&quot;camera&quot;:&quot;&quot;,&quot;caption&quot;:&quot;&quot;,&quot;created_timestamp&quot;:&quot;0&quot;,&quot;copyright&quot;:&quot;&quot;,&quot;focal_length&quot;:&quot;0&quot;,&quot;iso&quot;:&quot;0&quot;,&quot;shutter_speed&quot;:&quot;0&quot;,&quot;title&quot;:&quot;&quot;,&quot;orientation&quot;:&quot;0&quot;}\" data-image-title=\"Capture d\u2019e\u0301cran, le 2025-07-25 a\u0300 07.27.18\" data-image-description=\"\" data-image-caption=\"\" data-large-file=\"https:\/\/i0.wp.com\/itayachtscanada.com\/wp-content\/uploads\/2025\/07\/Capture-decran-le-2025-07-25-a-07.27.18.jpg?fit=700%2C472&amp;ssl=1\" \/><\/a>\n\t\t\t<\/div><\/figure><figure class='gallery-item'>\n\t\t\t<div class='gallery-icon landscape'>\n\t\t\t\t<a href='https:\/\/itayachtscanada.com\/fr\/listing\/horizon-e81-2022-4699000-usd-for-sale\/capture-decran-le-2025-07-25-a-07-27-08\/'><img loading=\"lazy\" decoding=\"async\" width=\"300\" height=\"202\" src=\"https:\/\/i0.wp.com\/itayachtscanada.com\/wp-content\/uploads\/2025\/07\/Capture-decran-le-2025-07-25-a-07.27.08.jpg?fit=300%2C202&amp;ssl=1\" class=\"attachment-medium size-medium\" alt=\"\" srcset=\"https:\/\/i0.wp.com\/itayachtscanada.com\/wp-content\/uploads\/2025\/07\/Capture-decran-le-2025-07-25-a-07.27.08.jpg?w=1390&amp;ssl=1 1390w, https:\/\/i0.wp.com\/itayachtscanada.com\/wp-content\/uploads\/2025\/07\/Capture-decran-le-2025-07-25-a-07.27.08.jpg?resize=300%2C202&amp;ssl=1 300w, https:\/\/i0.wp.com\/itayachtscanada.com\/wp-content\/uploads\/2025\/07\/Capture-decran-le-2025-07-25-a-07.27.08.jpg?resize=1024%2C690&amp;ssl=1 1024w, https:\/\/i0.wp.com\/itayachtscanada.com\/wp-content\/uploads\/2025\/07\/Capture-decran-le-2025-07-25-a-07.27.08.jpg?resize=768%2C517&amp;ssl=1 768w, https:\/\/i0.wp.com\/itayachtscanada.com\/wp-content\/uploads\/2025\/07\/Capture-decran-le-2025-07-25-a-07.27.08.jpg?resize=700%2C471&amp;ssl=1 700w, https:\/\/i0.wp.com\/itayachtscanada.com\/wp-content\/uploads\/2025\/07\/Capture-decran-le-2025-07-25-a-07.27.08.jpg?resize=594%2C400&amp;ssl=1 594w\" sizes=\"auto, (max-width: 300px) 100vw, 300px\" data-attachment-id=\"282572\" data-permalink=\"https:\/\/itayachtscanada.com\/fr\/listing\/horizon-e81-2022-4699000-usd-for-sale\/capture-decran-le-2025-07-25-a-07-27-08\/\" data-orig-file=\"https:\/\/i0.wp.com\/itayachtscanada.com\/wp-content\/uploads\/2025\/07\/Capture-decran-le-2025-07-25-a-07.27.08.jpg?fit=1390%2C936&amp;ssl=1\" data-orig-size=\"1390,936\" data-comments-opened=\"1\" data-image-meta=\"{&quot;aperture&quot;:&quot;0&quot;,&quot;credit&quot;:&quot;&quot;,&quot;camera&quot;:&quot;&quot;,&quot;caption&quot;:&quot;&quot;,&quot;created_timestamp&quot;:&quot;0&quot;,&quot;copyright&quot;:&quot;&quot;,&quot;focal_length&quot;:&quot;0&quot;,&quot;iso&quot;:&quot;0&quot;,&quot;shutter_speed&quot;:&quot;0&quot;,&quot;title&quot;:&quot;&quot;,&quot;orientation&quot;:&quot;0&quot;}\" data-image-title=\"Capture d\u2019e\u0301cran, le 2025-07-25 a\u0300 07.27.08\" data-image-description=\"\" data-image-caption=\"\" data-large-file=\"https:\/\/i0.wp.com\/itayachtscanada.com\/wp-content\/uploads\/2025\/07\/Capture-decran-le-2025-07-25-a-07.27.08.jpg?fit=700%2C472&amp;ssl=1\" \/><\/a>\n\t\t\t<\/div><\/figure><figure class='gallery-item'>\n\t\t\t<div class='gallery-icon portrait'>\n\t\t\t\t<a href='https:\/\/itayachtscanada.com\/fr\/listing\/horizon-e81-2022-4699000-usd-for-sale\/capture-decran-le-2025-07-25-a-07-27-00\/'><img loading=\"lazy\" decoding=\"async\" width=\"196\" height=\"300\" src=\"https:\/\/i0.wp.com\/itayachtscanada.com\/wp-content\/uploads\/2025\/07\/Capture-decran-le-2025-07-25-a-07.27.00.jpg?fit=196%2C300&amp;ssl=1\" class=\"attachment-medium size-medium\" alt=\"\" srcset=\"https:\/\/i0.wp.com\/itayachtscanada.com\/wp-content\/uploads\/2025\/07\/Capture-decran-le-2025-07-25-a-07.27.00.jpg?w=612&amp;ssl=1 612w, https:\/\/i0.wp.com\/itayachtscanada.com\/wp-content\/uploads\/2025\/07\/Capture-decran-le-2025-07-25-a-07.27.00.jpg?resize=196%2C300&amp;ssl=1 196w, https:\/\/i0.wp.com\/itayachtscanada.com\/wp-content\/uploads\/2025\/07\/Capture-decran-le-2025-07-25-a-07.27.00.jpg?resize=262%2C400&amp;ssl=1 262w\" sizes=\"auto, (max-width: 196px) 100vw, 196px\" data-attachment-id=\"282573\" data-permalink=\"https:\/\/itayachtscanada.com\/fr\/listing\/horizon-e81-2022-4699000-usd-for-sale\/capture-decran-le-2025-07-25-a-07-27-00\/\" data-orig-file=\"https:\/\/i0.wp.com\/itayachtscanada.com\/wp-content\/uploads\/2025\/07\/Capture-decran-le-2025-07-25-a-07.27.00.jpg?fit=612%2C936&amp;ssl=1\" data-orig-size=\"612,936\" data-comments-opened=\"1\" data-image-meta=\"{&quot;aperture&quot;:&quot;0&quot;,&quot;credit&quot;:&quot;&quot;,&quot;camera&quot;:&quot;&quot;,&quot;caption&quot;:&quot;&quot;,&quot;created_timestamp&quot;:&quot;0&quot;,&quot;copyright&quot;:&quot;&quot;,&quot;focal_length&quot;:&quot;0&quot;,&quot;iso&quot;:&quot;0&quot;,&quot;shutter_speed&quot;:&quot;0&quot;,&quot;title&quot;:&quot;&quot;,&quot;orientation&quot;:&quot;0&quot;}\" data-image-title=\"Capture d\u2019e\u0301cran, le 2025-07-25 a\u0300 07.27.00\" data-image-description=\"\" data-image-caption=\"\" data-large-file=\"https:\/\/i0.wp.com\/itayachtscanada.com\/wp-content\/uploads\/2025\/07\/Capture-decran-le-2025-07-25-a-07.27.00.jpg?fit=612%2C936&amp;ssl=1\" \/><\/a>\n\t\t\t<\/div><\/figure><figure class='gallery-item'>\n\t\t\t<div class='gallery-icon landscape'>\n\t\t\t\t<a href='https:\/\/itayachtscanada.com\/fr\/listing\/horizon-e81-2022-4699000-usd-for-sale\/capture-decran-le-2025-07-25-a-07-26-58\/'><img loading=\"lazy\" decoding=\"async\" width=\"300\" height=\"202\" src=\"https:\/\/i0.wp.com\/itayachtscanada.com\/wp-content\/uploads\/2025\/07\/Capture-decran-le-2025-07-25-a-07.26.58.jpg?fit=300%2C202&amp;ssl=1\" class=\"attachment-medium size-medium\" alt=\"\" srcset=\"https:\/\/i0.wp.com\/itayachtscanada.com\/wp-content\/uploads\/2025\/07\/Capture-decran-le-2025-07-25-a-07.26.58.jpg?w=1390&amp;ssl=1 1390w, https:\/\/i0.wp.com\/itayachtscanada.com\/wp-content\/uploads\/2025\/07\/Capture-decran-le-2025-07-25-a-07.26.58.jpg?resize=300%2C202&amp;ssl=1 300w, https:\/\/i0.wp.com\/itayachtscanada.com\/wp-content\/uploads\/2025\/07\/Capture-decran-le-2025-07-25-a-07.26.58.jpg?resize=1024%2C690&amp;ssl=1 1024w, https:\/\/i0.wp.com\/itayachtscanada.com\/wp-content\/uploads\/2025\/07\/Capture-decran-le-2025-07-25-a-07.26.58.jpg?resize=768%2C517&amp;ssl=1 768w, https:\/\/i0.wp.com\/itayachtscanada.com\/wp-content\/uploads\/2025\/07\/Capture-decran-le-2025-07-25-a-07.26.58.jpg?resize=700%2C471&amp;ssl=1 700w, https:\/\/i0.wp.com\/itayachtscanada.com\/wp-content\/uploads\/2025\/07\/Capture-decran-le-2025-07-25-a-07.26.58.jpg?resize=594%2C400&amp;ssl=1 594w\" sizes=\"auto, (max-width: 300px) 100vw, 300px\" data-attachment-id=\"282574\" data-permalink=\"https:\/\/itayachtscanada.com\/fr\/listing\/horizon-e81-2022-4699000-usd-for-sale\/capture-decran-le-2025-07-25-a-07-26-58\/\" data-orig-file=\"https:\/\/i0.wp.com\/itayachtscanada.com\/wp-content\/uploads\/2025\/07\/Capture-decran-le-2025-07-25-a-07.26.58.jpg?fit=1390%2C936&amp;ssl=1\" data-orig-size=\"1390,936\" data-comments-opened=\"1\" data-image-meta=\"{&quot;aperture&quot;:&quot;0&quot;,&quot;credit&quot;:&quot;&quot;,&quot;camera&quot;:&quot;&quot;,&quot;caption&quot;:&quot;&quot;,&quot;created_timestamp&quot;:&quot;0&quot;,&quot;copyright&quot;:&quot;&quot;,&quot;focal_length&quot;:&quot;0&quot;,&quot;iso&quot;:&quot;0&quot;,&quot;shutter_speed&quot;:&quot;0&quot;,&quot;title&quot;:&quot;&quot;,&quot;orientation&quot;:&quot;0&quot;}\" data-image-title=\"Capture d\u2019e\u0301cran, le 2025-07-25 a\u0300 07.26.58\" data-image-description=\"\" data-image-caption=\"\" data-large-file=\"https:\/\/i0.wp.com\/itayachtscanada.com\/wp-content\/uploads\/2025\/07\/Capture-decran-le-2025-07-25-a-07.26.58.jpg?fit=700%2C472&amp;ssl=1\" \/><\/a>\n\t\t\t<\/div><\/figure><figure class='gallery-item'>\n\t\t\t<div class='gallery-icon landscape'>\n\t\t\t\t<a href='https:\/\/itayachtscanada.com\/fr\/listing\/horizon-e81-2022-4699000-usd-for-sale\/capture-decran-le-2025-07-25-a-07-26-54\/'><img loading=\"lazy\" decoding=\"async\" width=\"300\" height=\"202\" src=\"https:\/\/i0.wp.com\/itayachtscanada.com\/wp-content\/uploads\/2025\/07\/Capture-decran-le-2025-07-25-a-07.26.54.jpg?fit=300%2C202&amp;ssl=1\" class=\"attachment-medium size-medium\" alt=\"\" srcset=\"https:\/\/i0.wp.com\/itayachtscanada.com\/wp-content\/uploads\/2025\/07\/Capture-decran-le-2025-07-25-a-07.26.54.jpg?w=1390&amp;ssl=1 1390w, https:\/\/i0.wp.com\/itayachtscanada.com\/wp-content\/uploads\/2025\/07\/Capture-decran-le-2025-07-25-a-07.26.54.jpg?resize=300%2C202&amp;ssl=1 300w, https:\/\/i0.wp.com\/itayachtscanada.com\/wp-content\/uploads\/2025\/07\/Capture-decran-le-2025-07-25-a-07.26.54.jpg?resize=1024%2C690&amp;ssl=1 1024w, https:\/\/i0.wp.com\/itayachtscanada.com\/wp-content\/uploads\/2025\/07\/Capture-decran-le-2025-07-25-a-07.26.54.jpg?resize=768%2C517&amp;ssl=1 768w, https:\/\/i0.wp.com\/itayachtscanada.com\/wp-content\/uploads\/2025\/07\/Capture-decran-le-2025-07-25-a-07.26.54.jpg?resize=700%2C471&amp;ssl=1 700w, https:\/\/i0.wp.com\/itayachtscanada.com\/wp-content\/uploads\/2025\/07\/Capture-decran-le-2025-07-25-a-07.26.54.jpg?resize=594%2C400&amp;ssl=1 594w\" sizes=\"auto, (max-width: 300px) 100vw, 300px\" data-attachment-id=\"282575\" data-permalink=\"https:\/\/itayachtscanada.com\/fr\/listing\/horizon-e81-2022-4699000-usd-for-sale\/capture-decran-le-2025-07-25-a-07-26-54\/\" data-orig-file=\"https:\/\/i0.wp.com\/itayachtscanada.com\/wp-content\/uploads\/2025\/07\/Capture-decran-le-2025-07-25-a-07.26.54.jpg?fit=1390%2C936&amp;ssl=1\" data-orig-size=\"1390,936\" data-comments-opened=\"1\" data-image-meta=\"{&quot;aperture&quot;:&quot;0&quot;,&quot;credit&quot;:&quot;&quot;,&quot;camera&quot;:&quot;&quot;,&quot;caption&quot;:&quot;&quot;,&quot;created_timestamp&quot;:&quot;0&quot;,&quot;copyright&quot;:&quot;&quot;,&quot;focal_length&quot;:&quot;0&quot;,&quot;iso&quot;:&quot;0&quot;,&quot;shutter_speed&quot;:&quot;0&quot;,&quot;title&quot;:&quot;&quot;,&quot;orientation&quot;:&quot;0&quot;}\" data-image-title=\"Capture d\u2019e\u0301cran, le 2025-07-25 a\u0300 07.26.54\" data-image-description=\"\" data-image-caption=\"\" data-large-file=\"https:\/\/i0.wp.com\/itayachtscanada.com\/wp-content\/uploads\/2025\/07\/Capture-decran-le-2025-07-25-a-07.26.54.jpg?fit=700%2C472&amp;ssl=1\" \/><\/a>\n\t\t\t<\/div><\/figure><figure class='gallery-item'>\n\t\t\t<div class='gallery-icon landscape'>\n\t\t\t\t<a href='https:\/\/itayachtscanada.com\/fr\/listing\/horizon-e81-2022-4699000-usd-for-sale\/capture-decran-le-2025-07-25-a-07-26-47\/'><img loading=\"lazy\" decoding=\"async\" width=\"300\" height=\"202\" src=\"https:\/\/i0.wp.com\/itayachtscanada.com\/wp-content\/uploads\/2025\/07\/Capture-decran-le-2025-07-25-a-07.26.47.jpg?fit=300%2C202&amp;ssl=1\" class=\"attachment-medium size-medium\" alt=\"\" srcset=\"https:\/\/i0.wp.com\/itayachtscanada.com\/wp-content\/uploads\/2025\/07\/Capture-decran-le-2025-07-25-a-07.26.47.jpg?w=1390&amp;ssl=1 1390w, https:\/\/i0.wp.com\/itayachtscanada.com\/wp-content\/uploads\/2025\/07\/Capture-decran-le-2025-07-25-a-07.26.47.jpg?resize=300%2C202&amp;ssl=1 300w, https:\/\/i0.wp.com\/itayachtscanada.com\/wp-content\/uploads\/2025\/07\/Capture-decran-le-2025-07-25-a-07.26.47.jpg?resize=1024%2C690&amp;ssl=1 1024w, https:\/\/i0.wp.com\/itayachtscanada.com\/wp-content\/uploads\/2025\/07\/Capture-decran-le-2025-07-25-a-07.26.47.jpg?resize=768%2C517&amp;ssl=1 768w, https:\/\/i0.wp.com\/itayachtscanada.com\/wp-content\/uploads\/2025\/07\/Capture-decran-le-2025-07-25-a-07.26.47.jpg?resize=700%2C471&amp;ssl=1 700w, https:\/\/i0.wp.com\/itayachtscanada.com\/wp-content\/uploads\/2025\/07\/Capture-decran-le-2025-07-25-a-07.26.47.jpg?resize=594%2C400&amp;ssl=1 594w\" sizes=\"auto, (max-width: 300px) 100vw, 300px\" data-attachment-id=\"282576\" data-permalink=\"https:\/\/itayachtscanada.com\/fr\/listing\/horizon-e81-2022-4699000-usd-for-sale\/capture-decran-le-2025-07-25-a-07-26-47\/\" data-orig-file=\"https:\/\/i0.wp.com\/itayachtscanada.com\/wp-content\/uploads\/2025\/07\/Capture-decran-le-2025-07-25-a-07.26.47.jpg?fit=1390%2C936&amp;ssl=1\" data-orig-size=\"1390,936\" data-comments-opened=\"1\" data-image-meta=\"{&quot;aperture&quot;:&quot;0&quot;,&quot;credit&quot;:&quot;&quot;,&quot;camera&quot;:&quot;&quot;,&quot;caption&quot;:&quot;&quot;,&quot;created_timestamp&quot;:&quot;0&quot;,&quot;copyright&quot;:&quot;&quot;,&quot;focal_length&quot;:&quot;0&quot;,&quot;iso&quot;:&quot;0&quot;,&quot;shutter_speed&quot;:&quot;0&quot;,&quot;title&quot;:&quot;&quot;,&quot;orientation&quot;:&quot;0&quot;}\" data-image-title=\"Capture d\u2019e\u0301cran, le 2025-07-25 a\u0300 07.26.47\" data-image-description=\"\" data-image-caption=\"\" data-large-file=\"https:\/\/i0.wp.com\/itayachtscanada.com\/wp-content\/uploads\/2025\/07\/Capture-decran-le-2025-07-25-a-07.26.47.jpg?fit=700%2C472&amp;ssl=1\" \/><\/a>\n\t\t\t<\/div><\/figure><figure class='gallery-item'>\n\t\t\t<div class='gallery-icon portrait'>\n\t\t\t\t<a href='https:\/\/itayachtscanada.com\/fr\/listing\/horizon-e81-2022-4699000-usd-for-sale\/capture-decran-le-2025-07-25-a-07-26-38\/'><img loading=\"lazy\" decoding=\"async\" width=\"220\" height=\"300\" src=\"https:\/\/i0.wp.com\/itayachtscanada.com\/wp-content\/uploads\/2025\/07\/Capture-decran-le-2025-07-25-a-07.26.38.jpg?fit=220%2C300&amp;ssl=1\" class=\"attachment-medium size-medium\" alt=\"\" srcset=\"https:\/\/i0.wp.com\/itayachtscanada.com\/wp-content\/uploads\/2025\/07\/Capture-decran-le-2025-07-25-a-07.26.38.jpg?w=686&amp;ssl=1 686w, https:\/\/i0.wp.com\/itayachtscanada.com\/wp-content\/uploads\/2025\/07\/Capture-decran-le-2025-07-25-a-07.26.38.jpg?resize=220%2C300&amp;ssl=1 220w, https:\/\/i0.wp.com\/itayachtscanada.com\/wp-content\/uploads\/2025\/07\/Capture-decran-le-2025-07-25-a-07.26.38.jpg?resize=293%2C400&amp;ssl=1 293w\" sizes=\"auto, (max-width: 220px) 100vw, 220px\" data-attachment-id=\"282577\" data-permalink=\"https:\/\/itayachtscanada.com\/fr\/listing\/horizon-e81-2022-4699000-usd-for-sale\/capture-decran-le-2025-07-25-a-07-26-38\/\" data-orig-file=\"https:\/\/i0.wp.com\/itayachtscanada.com\/wp-content\/uploads\/2025\/07\/Capture-decran-le-2025-07-25-a-07.26.38.jpg?fit=686%2C936&amp;ssl=1\" data-orig-size=\"686,936\" data-comments-opened=\"1\" data-image-meta=\"{&quot;aperture&quot;:&quot;0&quot;,&quot;credit&quot;:&quot;&quot;,&quot;camera&quot;:&quot;&quot;,&quot;caption&quot;:&quot;&quot;,&quot;created_timestamp&quot;:&quot;0&quot;,&quot;copyright&quot;:&quot;&quot;,&quot;focal_length&quot;:&quot;0&quot;,&quot;iso&quot;:&quot;0&quot;,&quot;shutter_speed&quot;:&quot;0&quot;,&quot;title&quot;:&quot;&quot;,&quot;orientation&quot;:&quot;0&quot;}\" data-image-title=\"Capture d\u2019e\u0301cran, le 2025-07-25 a\u0300 07.26.38\" data-image-description=\"\" data-image-caption=\"\" data-large-file=\"https:\/\/i0.wp.com\/itayachtscanada.com\/wp-content\/uploads\/2025\/07\/Capture-decran-le-2025-07-25-a-07.26.38.jpg?fit=686%2C936&amp;ssl=1\" \/><\/a>\n\t\t\t<\/div><\/figure><figure class='gallery-item'>\n\t\t\t<div class='gallery-icon landscape'>\n\t\t\t\t<a href='https:\/\/itayachtscanada.com\/fr\/listing\/horizon-e81-2022-4699000-usd-for-sale\/layout-horizon-e81-main-lower-deck\/'><img loading=\"lazy\" decoding=\"async\" width=\"300\" height=\"181\" src=\"https:\/\/i0.wp.com\/itayachtscanada.com\/wp-content\/uploads\/2025\/07\/Layout-Horizon-E81-main-lower-deck.jpg?fit=300%2C181&amp;ssl=1\" class=\"attachment-medium size-medium\" alt=\"\" srcset=\"https:\/\/i0.wp.com\/itayachtscanada.com\/wp-content\/uploads\/2025\/07\/Layout-Horizon-E81-main-lower-deck.jpg?w=1712&amp;ssl=1 1712w, https:\/\/i0.wp.com\/itayachtscanada.com\/wp-content\/uploads\/2025\/07\/Layout-Horizon-E81-main-lower-deck.jpg?resize=300%2C181&amp;ssl=1 300w, https:\/\/i0.wp.com\/itayachtscanada.com\/wp-content\/uploads\/2025\/07\/Layout-Horizon-E81-main-lower-deck.jpg?resize=1024%2C617&amp;ssl=1 1024w, https:\/\/i0.wp.com\/itayachtscanada.com\/wp-content\/uploads\/2025\/07\/Layout-Horizon-E81-main-lower-deck.jpg?resize=768%2C463&amp;ssl=1 768w, https:\/\/i0.wp.com\/itayachtscanada.com\/wp-content\/uploads\/2025\/07\/Layout-Horizon-E81-main-lower-deck.jpg?resize=1536%2C926&amp;ssl=1 1536w, https:\/\/i0.wp.com\/itayachtscanada.com\/wp-content\/uploads\/2025\/07\/Layout-Horizon-E81-main-lower-deck.jpg?resize=700%2C422&amp;ssl=1 700w, https:\/\/i0.wp.com\/itayachtscanada.com\/wp-content\/uploads\/2025\/07\/Layout-Horizon-E81-main-lower-deck.jpg?resize=664%2C400&amp;ssl=1 664w, https:\/\/i0.wp.com\/itayachtscanada.com\/wp-content\/uploads\/2025\/07\/Layout-Horizon-E81-main-lower-deck.jpg?w=1400&amp;ssl=1 1400w\" sizes=\"auto, (max-width: 300px) 100vw, 300px\" data-attachment-id=\"282589\" data-permalink=\"https:\/\/itayachtscanada.com\/fr\/listing\/horizon-e81-2022-4699000-usd-for-sale\/layout-horizon-e81-main-lower-deck\/\" data-orig-file=\"https:\/\/i0.wp.com\/itayachtscanada.com\/wp-content\/uploads\/2025\/07\/Layout-Horizon-E81-main-lower-deck.jpg?fit=1712%2C1032&amp;ssl=1\" data-orig-size=\"1712,1032\" data-comments-opened=\"1\" data-image-meta=\"{&quot;aperture&quot;:&quot;0&quot;,&quot;credit&quot;:&quot;&quot;,&quot;camera&quot;:&quot;&quot;,&quot;caption&quot;:&quot;&quot;,&quot;created_timestamp&quot;:&quot;0&quot;,&quot;copyright&quot;:&quot;&quot;,&quot;focal_length&quot;:&quot;0&quot;,&quot;iso&quot;:&quot;0&quot;,&quot;shutter_speed&quot;:&quot;0&quot;,&quot;title&quot;:&quot;&quot;,&quot;orientation&quot;:&quot;0&quot;}\" data-image-title=\"Layout Horizon E81 main &amp;#038; lower deck\" data-image-description=\"\" data-image-caption=\"\" data-large-file=\"https:\/\/i0.wp.com\/itayachtscanada.com\/wp-content\/uploads\/2025\/07\/Layout-Horizon-E81-main-lower-deck.jpg?fit=700%2C422&amp;ssl=1\" \/><\/a>\n\t\t\t<\/div><\/figure><figure class='gallery-item'>\n\t\t\t<div class='gallery-icon landscape'>\n\t\t\t\t<a href='https:\/\/itayachtscanada.com\/fr\/listing\/horizon-e81-2022-4699000-usd-for-sale\/layout-horizon-e81-profil\/'><img loading=\"lazy\" decoding=\"async\" width=\"300\" height=\"202\" src=\"https:\/\/i0.wp.com\/itayachtscanada.com\/wp-content\/uploads\/2025\/07\/Layout-Horizon-E81-profil.jpg?fit=300%2C202&amp;ssl=1\" class=\"attachment-medium size-medium\" alt=\"\" srcset=\"https:\/\/i0.wp.com\/itayachtscanada.com\/wp-content\/uploads\/2025\/07\/Layout-Horizon-E81-profil.jpg?w=1712&amp;ssl=1 1712w, https:\/\/i0.wp.com\/itayachtscanada.com\/wp-content\/uploads\/2025\/07\/Layout-Horizon-E81-profil.jpg?resize=300%2C202&amp;ssl=1 300w, https:\/\/i0.wp.com\/itayachtscanada.com\/wp-content\/uploads\/2025\/07\/Layout-Horizon-E81-profil.jpg?resize=1024%2C690&amp;ssl=1 1024w, https:\/\/i0.wp.com\/itayachtscanada.com\/wp-content\/uploads\/2025\/07\/Layout-Horizon-E81-profil.jpg?resize=768%2C518&amp;ssl=1 768w, https:\/\/i0.wp.com\/itayachtscanada.com\/wp-content\/uploads\/2025\/07\/Layout-Horizon-E81-profil.jpg?resize=1536%2C1035&amp;ssl=1 1536w, https:\/\/i0.wp.com\/itayachtscanada.com\/wp-content\/uploads\/2025\/07\/Layout-Horizon-E81-profil.jpg?resize=700%2C472&amp;ssl=1 700w, https:\/\/i0.wp.com\/itayachtscanada.com\/wp-content\/uploads\/2025\/07\/Layout-Horizon-E81-profil.jpg?resize=593%2C400&amp;ssl=1 593w, https:\/\/i0.wp.com\/itayachtscanada.com\/wp-content\/uploads\/2025\/07\/Layout-Horizon-E81-profil.jpg?w=1400&amp;ssl=1 1400w\" sizes=\"auto, (max-width: 300px) 100vw, 300px\" data-attachment-id=\"282591\" data-permalink=\"https:\/\/itayachtscanada.com\/fr\/listing\/horizon-e81-2022-4699000-usd-for-sale\/layout-horizon-e81-profil\/\" data-orig-file=\"https:\/\/i0.wp.com\/itayachtscanada.com\/wp-content\/uploads\/2025\/07\/Layout-Horizon-E81-profil.jpg?fit=1712%2C1154&amp;ssl=1\" data-orig-size=\"1712,1154\" data-comments-opened=\"1\" data-image-meta=\"{&quot;aperture&quot;:&quot;0&quot;,&quot;credit&quot;:&quot;&quot;,&quot;camera&quot;:&quot;&quot;,&quot;caption&quot;:&quot;&quot;,&quot;created_timestamp&quot;:&quot;0&quot;,&quot;copyright&quot;:&quot;&quot;,&quot;focal_length&quot;:&quot;0&quot;,&quot;iso&quot;:&quot;0&quot;,&quot;shutter_speed&quot;:&quot;0&quot;,&quot;title&quot;:&quot;&quot;,&quot;orientation&quot;:&quot;0&quot;}\" data-image-title=\"Layout Horizon E81 profil\" data-image-description=\"\" data-image-caption=\"\" data-large-file=\"https:\/\/i0.wp.com\/itayachtscanada.com\/wp-content\/uploads\/2025\/07\/Layout-Horizon-E81-profil.jpg?fit=700%2C472&amp;ssl=1\" \/><\/a>\n\t\t\t<\/div><\/figure><figure class='gallery-item'>\n\t\t\t<div class='gallery-icon landscape'>\n\t\t\t\t<a href='https:\/\/itayachtscanada.com\/fr\/listing\/horizon-e81-2022-4699000-usd-for-sale\/capture-decran-le-2025-07-25-a-07-26-35\/'><img loading=\"lazy\" decoding=\"async\" width=\"300\" height=\"203\" src=\"https:\/\/i0.wp.com\/itayachtscanada.com\/wp-content\/uploads\/2025\/07\/Capture-decran-le-2025-07-25-a-07.26.35.jpg?fit=300%2C203&amp;ssl=1\" class=\"attachment-medium size-medium\" alt=\"\" srcset=\"https:\/\/i0.wp.com\/itayachtscanada.com\/wp-content\/uploads\/2025\/07\/Capture-decran-le-2025-07-25-a-07.26.35.jpg?w=1382&amp;ssl=1 1382w, https:\/\/i0.wp.com\/itayachtscanada.com\/wp-content\/uploads\/2025\/07\/Capture-decran-le-2025-07-25-a-07.26.35.jpg?resize=300%2C203&amp;ssl=1 300w, https:\/\/i0.wp.com\/itayachtscanada.com\/wp-content\/uploads\/2025\/07\/Capture-decran-le-2025-07-25-a-07.26.35.jpg?resize=1024%2C694&amp;ssl=1 1024w, https:\/\/i0.wp.com\/itayachtscanada.com\/wp-content\/uploads\/2025\/07\/Capture-decran-le-2025-07-25-a-07.26.35.jpg?resize=768%2C520&amp;ssl=1 768w, https:\/\/i0.wp.com\/itayachtscanada.com\/wp-content\/uploads\/2025\/07\/Capture-decran-le-2025-07-25-a-07.26.35.jpg?resize=700%2C474&amp;ssl=1 700w, https:\/\/i0.wp.com\/itayachtscanada.com\/wp-content\/uploads\/2025\/07\/Capture-decran-le-2025-07-25-a-07.26.35.jpg?resize=591%2C400&amp;ssl=1 591w\" sizes=\"auto, (max-width: 300px) 100vw, 300px\" data-attachment-id=\"282578\" data-permalink=\"https:\/\/itayachtscanada.com\/fr\/listing\/horizon-e81-2022-4699000-usd-for-sale\/capture-decran-le-2025-07-25-a-07-26-35\/\" data-orig-file=\"https:\/\/i0.wp.com\/itayachtscanada.com\/wp-content\/uploads\/2025\/07\/Capture-decran-le-2025-07-25-a-07.26.35.jpg?fit=1382%2C936&amp;ssl=1\" data-orig-size=\"1382,936\" data-comments-opened=\"1\" data-image-meta=\"{&quot;aperture&quot;:&quot;0&quot;,&quot;credit&quot;:&quot;&quot;,&quot;camera&quot;:&quot;&quot;,&quot;caption&quot;:&quot;&quot;,&quot;created_timestamp&quot;:&quot;0&quot;,&quot;copyright&quot;:&quot;&quot;,&quot;focal_length&quot;:&quot;0&quot;,&quot;iso&quot;:&quot;0&quot;,&quot;shutter_speed&quot;:&quot;0&quot;,&quot;title&quot;:&quot;&quot;,&quot;orientation&quot;:&quot;0&quot;}\" data-image-title=\"Capture d\u2019e\u0301cran, le 2025-07-25 a\u0300 07.26.35\" data-image-description=\"\" data-image-caption=\"\" data-large-file=\"https:\/\/i0.wp.com\/itayachtscanada.com\/wp-content\/uploads\/2025\/07\/Capture-decran-le-2025-07-25-a-07.26.35.jpg?fit=700%2C474&amp;ssl=1\" \/><\/a>\n\t\t\t<\/div><\/figure><figure class='gallery-item'>\n\t\t\t<div class='gallery-icon landscape'>\n\t\t\t\t<a href='https:\/\/itayachtscanada.com\/fr\/listing\/horizon-e81-2022-4699000-usd-for-sale\/capture-decran-le-2025-07-25-a-07-26-32\/'><img loading=\"lazy\" decoding=\"async\" width=\"300\" height=\"203\" src=\"https:\/\/i0.wp.com\/itayachtscanada.com\/wp-content\/uploads\/2025\/07\/Capture-decran-le-2025-07-25-a-07.26.32.jpg?fit=300%2C203&amp;ssl=1\" class=\"attachment-medium size-medium\" alt=\"\" srcset=\"https:\/\/i0.wp.com\/itayachtscanada.com\/wp-content\/uploads\/2025\/07\/Capture-decran-le-2025-07-25-a-07.26.32.jpg?w=1382&amp;ssl=1 1382w, https:\/\/i0.wp.com\/itayachtscanada.com\/wp-content\/uploads\/2025\/07\/Capture-decran-le-2025-07-25-a-07.26.32.jpg?resize=300%2C203&amp;ssl=1 300w, https:\/\/i0.wp.com\/itayachtscanada.com\/wp-content\/uploads\/2025\/07\/Capture-decran-le-2025-07-25-a-07.26.32.jpg?resize=1024%2C694&amp;ssl=1 1024w, https:\/\/i0.wp.com\/itayachtscanada.com\/wp-content\/uploads\/2025\/07\/Capture-decran-le-2025-07-25-a-07.26.32.jpg?resize=768%2C520&amp;ssl=1 768w, https:\/\/i0.wp.com\/itayachtscanada.com\/wp-content\/uploads\/2025\/07\/Capture-decran-le-2025-07-25-a-07.26.32.jpg?resize=700%2C474&amp;ssl=1 700w, https:\/\/i0.wp.com\/itayachtscanada.com\/wp-content\/uploads\/2025\/07\/Capture-decran-le-2025-07-25-a-07.26.32.jpg?resize=591%2C400&amp;ssl=1 591w\" sizes=\"auto, (max-width: 300px) 100vw, 300px\" data-attachment-id=\"282579\" data-permalink=\"https:\/\/itayachtscanada.com\/fr\/listing\/horizon-e81-2022-4699000-usd-for-sale\/capture-decran-le-2025-07-25-a-07-26-32\/\" data-orig-file=\"https:\/\/i0.wp.com\/itayachtscanada.com\/wp-content\/uploads\/2025\/07\/Capture-decran-le-2025-07-25-a-07.26.32.jpg?fit=1382%2C936&amp;ssl=1\" data-orig-size=\"1382,936\" data-comments-opened=\"1\" data-image-meta=\"{&quot;aperture&quot;:&quot;0&quot;,&quot;credit&quot;:&quot;&quot;,&quot;camera&quot;:&quot;&quot;,&quot;caption&quot;:&quot;&quot;,&quot;created_timestamp&quot;:&quot;0&quot;,&quot;copyright&quot;:&quot;&quot;,&quot;focal_length&quot;:&quot;0&quot;,&quot;iso&quot;:&quot;0&quot;,&quot;shutter_speed&quot;:&quot;0&quot;,&quot;title&quot;:&quot;&quot;,&quot;orientation&quot;:&quot;0&quot;}\" data-image-title=\"Capture d\u2019e\u0301cran, le 2025-07-25 a\u0300 07.26.32\" data-image-description=\"\" data-image-caption=\"\" data-large-file=\"https:\/\/i0.wp.com\/itayachtscanada.com\/wp-content\/uploads\/2025\/07\/Capture-decran-le-2025-07-25-a-07.26.32.jpg?fit=700%2C474&amp;ssl=1\" \/><\/a>\n\t\t\t<\/div><\/figure><figure class='gallery-item'>\n\t\t\t<div class='gallery-icon landscape'>\n\t\t\t\t<a href='https:\/\/itayachtscanada.com\/fr\/listing\/horizon-e81-2022-4699000-usd-for-sale\/capture-decran-le-2025-07-25-a-07-26-29\/'><img loading=\"lazy\" decoding=\"async\" width=\"300\" height=\"203\" src=\"https:\/\/i0.wp.com\/itayachtscanada.com\/wp-content\/uploads\/2025\/07\/Capture-decran-le-2025-07-25-a-07.26.29.jpg?fit=300%2C203&amp;ssl=1\" class=\"attachment-medium size-medium\" alt=\"\" srcset=\"https:\/\/i0.wp.com\/itayachtscanada.com\/wp-content\/uploads\/2025\/07\/Capture-decran-le-2025-07-25-a-07.26.29.jpg?w=1382&amp;ssl=1 1382w, https:\/\/i0.wp.com\/itayachtscanada.com\/wp-content\/uploads\/2025\/07\/Capture-decran-le-2025-07-25-a-07.26.29.jpg?resize=300%2C203&amp;ssl=1 300w, https:\/\/i0.wp.com\/itayachtscanada.com\/wp-content\/uploads\/2025\/07\/Capture-decran-le-2025-07-25-a-07.26.29.jpg?resize=1024%2C694&amp;ssl=1 1024w, https:\/\/i0.wp.com\/itayachtscanada.com\/wp-content\/uploads\/2025\/07\/Capture-decran-le-2025-07-25-a-07.26.29.jpg?resize=768%2C520&amp;ssl=1 768w, https:\/\/i0.wp.com\/itayachtscanada.com\/wp-content\/uploads\/2025\/07\/Capture-decran-le-2025-07-25-a-07.26.29.jpg?resize=700%2C474&amp;ssl=1 700w, https:\/\/i0.wp.com\/itayachtscanada.com\/wp-content\/uploads\/2025\/07\/Capture-decran-le-2025-07-25-a-07.26.29.jpg?resize=591%2C400&amp;ssl=1 591w\" sizes=\"auto, (max-width: 300px) 100vw, 300px\" data-attachment-id=\"282580\" data-permalink=\"https:\/\/itayachtscanada.com\/fr\/listing\/horizon-e81-2022-4699000-usd-for-sale\/capture-decran-le-2025-07-25-a-07-26-29\/\" data-orig-file=\"https:\/\/i0.wp.com\/itayachtscanada.com\/wp-content\/uploads\/2025\/07\/Capture-decran-le-2025-07-25-a-07.26.29.jpg?fit=1382%2C936&amp;ssl=1\" data-orig-size=\"1382,936\" data-comments-opened=\"1\" data-image-meta=\"{&quot;aperture&quot;:&quot;0&quot;,&quot;credit&quot;:&quot;&quot;,&quot;camera&quot;:&quot;&quot;,&quot;caption&quot;:&quot;&quot;,&quot;created_timestamp&quot;:&quot;0&quot;,&quot;copyright&quot;:&quot;&quot;,&quot;focal_length&quot;:&quot;0&quot;,&quot;iso&quot;:&quot;0&quot;,&quot;shutter_speed&quot;:&quot;0&quot;,&quot;title&quot;:&quot;&quot;,&quot;orientation&quot;:&quot;0&quot;}\" data-image-title=\"Capture d\u2019e\u0301cran, le 2025-07-25 a\u0300 07.26.29\" data-image-description=\"\" data-image-caption=\"\" data-large-file=\"https:\/\/i0.wp.com\/itayachtscanada.com\/wp-content\/uploads\/2025\/07\/Capture-decran-le-2025-07-25-a-07.26.29.jpg?fit=700%2C474&amp;ssl=1\" \/><\/a>\n\t\t\t<\/div><\/figure><figure class='gallery-item'>\n\t\t\t<div class='gallery-icon landscape'>\n\t\t\t\t<a href='https:\/\/itayachtscanada.com\/fr\/listing\/horizon-e81-2022-4699000-usd-for-sale\/capture-decran-le-2025-07-25-a-07-26-25\/'><img loading=\"lazy\" decoding=\"async\" width=\"300\" height=\"203\" src=\"https:\/\/i0.wp.com\/itayachtscanada.com\/wp-content\/uploads\/2025\/07\/Capture-decran-le-2025-07-25-a-07.26.25.jpg?fit=300%2C203&amp;ssl=1\" class=\"attachment-medium size-medium\" alt=\"\" srcset=\"https:\/\/i0.wp.com\/itayachtscanada.com\/wp-content\/uploads\/2025\/07\/Capture-decran-le-2025-07-25-a-07.26.25.jpg?w=1382&amp;ssl=1 1382w, https:\/\/i0.wp.com\/itayachtscanada.com\/wp-content\/uploads\/2025\/07\/Capture-decran-le-2025-07-25-a-07.26.25.jpg?resize=300%2C203&amp;ssl=1 300w, https:\/\/i0.wp.com\/itayachtscanada.com\/wp-content\/uploads\/2025\/07\/Capture-decran-le-2025-07-25-a-07.26.25.jpg?resize=1024%2C694&amp;ssl=1 1024w, https:\/\/i0.wp.com\/itayachtscanada.com\/wp-content\/uploads\/2025\/07\/Capture-decran-le-2025-07-25-a-07.26.25.jpg?resize=768%2C520&amp;ssl=1 768w, https:\/\/i0.wp.com\/itayachtscanada.com\/wp-content\/uploads\/2025\/07\/Capture-decran-le-2025-07-25-a-07.26.25.jpg?resize=700%2C474&amp;ssl=1 700w, https:\/\/i0.wp.com\/itayachtscanada.com\/wp-content\/uploads\/2025\/07\/Capture-decran-le-2025-07-25-a-07.26.25.jpg?resize=591%2C400&amp;ssl=1 591w\" sizes=\"auto, (max-width: 300px) 100vw, 300px\" data-attachment-id=\"282581\" data-permalink=\"https:\/\/itayachtscanada.com\/fr\/listing\/horizon-e81-2022-4699000-usd-for-sale\/capture-decran-le-2025-07-25-a-07-26-25\/\" data-orig-file=\"https:\/\/i0.wp.com\/itayachtscanada.com\/wp-content\/uploads\/2025\/07\/Capture-decran-le-2025-07-25-a-07.26.25.jpg?fit=1382%2C936&amp;ssl=1\" data-orig-size=\"1382,936\" data-comments-opened=\"1\" data-image-meta=\"{&quot;aperture&quot;:&quot;0&quot;,&quot;credit&quot;:&quot;&quot;,&quot;camera&quot;:&quot;&quot;,&quot;caption&quot;:&quot;&quot;,&quot;created_timestamp&quot;:&quot;0&quot;,&quot;copyright&quot;:&quot;&quot;,&quot;focal_length&quot;:&quot;0&quot;,&quot;iso&quot;:&quot;0&quot;,&quot;shutter_speed&quot;:&quot;0&quot;,&quot;title&quot;:&quot;&quot;,&quot;orientation&quot;:&quot;0&quot;}\" data-image-title=\"Capture d\u2019e\u0301cran, le 2025-07-25 a\u0300 07.26.25\" data-image-description=\"\" data-image-caption=\"\" data-large-file=\"https:\/\/i0.wp.com\/itayachtscanada.com\/wp-content\/uploads\/2025\/07\/Capture-decran-le-2025-07-25-a-07.26.25.jpg?fit=700%2C474&amp;ssl=1\" \/><\/a>\n\t\t\t<\/div><\/figure><figure class='gallery-item'>\n\t\t\t<div class='gallery-icon landscape'>\n\t\t\t\t<a href='https:\/\/itayachtscanada.com\/fr\/listing\/horizon-e81-2022-4699000-usd-for-sale\/capture-decran-le-2025-07-25-a-07-26-22\/'><img loading=\"lazy\" decoding=\"async\" width=\"300\" height=\"203\" src=\"https:\/\/i0.wp.com\/itayachtscanada.com\/wp-content\/uploads\/2025\/07\/Capture-decran-le-2025-07-25-a-07.26.22.jpg?fit=300%2C203&amp;ssl=1\" class=\"attachment-medium size-medium\" alt=\"\" srcset=\"https:\/\/i0.wp.com\/itayachtscanada.com\/wp-content\/uploads\/2025\/07\/Capture-decran-le-2025-07-25-a-07.26.22.jpg?w=1382&amp;ssl=1 1382w, https:\/\/i0.wp.com\/itayachtscanada.com\/wp-content\/uploads\/2025\/07\/Capture-decran-le-2025-07-25-a-07.26.22.jpg?resize=300%2C203&amp;ssl=1 300w, https:\/\/i0.wp.com\/itayachtscanada.com\/wp-content\/uploads\/2025\/07\/Capture-decran-le-2025-07-25-a-07.26.22.jpg?resize=1024%2C694&amp;ssl=1 1024w, https:\/\/i0.wp.com\/itayachtscanada.com\/wp-content\/uploads\/2025\/07\/Capture-decran-le-2025-07-25-a-07.26.22.jpg?resize=768%2C520&amp;ssl=1 768w, https:\/\/i0.wp.com\/itayachtscanada.com\/wp-content\/uploads\/2025\/07\/Capture-decran-le-2025-07-25-a-07.26.22.jpg?resize=700%2C474&amp;ssl=1 700w, https:\/\/i0.wp.com\/itayachtscanada.com\/wp-content\/uploads\/2025\/07\/Capture-decran-le-2025-07-25-a-07.26.22.jpg?resize=591%2C400&amp;ssl=1 591w\" sizes=\"auto, (max-width: 300px) 100vw, 300px\" data-attachment-id=\"282582\" data-permalink=\"https:\/\/itayachtscanada.com\/fr\/listing\/horizon-e81-2022-4699000-usd-for-sale\/capture-decran-le-2025-07-25-a-07-26-22\/\" data-orig-file=\"https:\/\/i0.wp.com\/itayachtscanada.com\/wp-content\/uploads\/2025\/07\/Capture-decran-le-2025-07-25-a-07.26.22.jpg?fit=1382%2C936&amp;ssl=1\" data-orig-size=\"1382,936\" data-comments-opened=\"1\" data-image-meta=\"{&quot;aperture&quot;:&quot;0&quot;,&quot;credit&quot;:&quot;&quot;,&quot;camera&quot;:&quot;&quot;,&quot;caption&quot;:&quot;&quot;,&quot;created_timestamp&quot;:&quot;0&quot;,&quot;copyright&quot;:&quot;&quot;,&quot;focal_length&quot;:&quot;0&quot;,&quot;iso&quot;:&quot;0&quot;,&quot;shutter_speed&quot;:&quot;0&quot;,&quot;title&quot;:&quot;&quot;,&quot;orientation&quot;:&quot;0&quot;}\" data-image-title=\"Capture d\u2019e\u0301cran, le 2025-07-25 a\u0300 07.26.22\" data-image-description=\"\" data-image-caption=\"\" data-large-file=\"https:\/\/i0.wp.com\/itayachtscanada.com\/wp-content\/uploads\/2025\/07\/Capture-decran-le-2025-07-25-a-07.26.22.jpg?fit=700%2C474&amp;ssl=1\" \/><\/a>\n\t\t\t<\/div><\/figure><figure class='gallery-item'>\n\t\t\t<div class='gallery-icon landscape'>\n\t\t\t\t<a href='https:\/\/itayachtscanada.com\/fr\/listing\/horizon-e81-2022-4699000-usd-for-sale\/capture-decran-le-2025-07-25-a-07-26-18\/'><img loading=\"lazy\" decoding=\"async\" width=\"300\" height=\"203\" src=\"https:\/\/i0.wp.com\/itayachtscanada.com\/wp-content\/uploads\/2025\/07\/Capture-decran-le-2025-07-25-a-07.26.18.jpg?fit=300%2C203&amp;ssl=1\" class=\"attachment-medium size-medium\" alt=\"\" srcset=\"https:\/\/i0.wp.com\/itayachtscanada.com\/wp-content\/uploads\/2025\/07\/Capture-decran-le-2025-07-25-a-07.26.18.jpg?w=1382&amp;ssl=1 1382w, https:\/\/i0.wp.com\/itayachtscanada.com\/wp-content\/uploads\/2025\/07\/Capture-decran-le-2025-07-25-a-07.26.18.jpg?resize=300%2C203&amp;ssl=1 300w, https:\/\/i0.wp.com\/itayachtscanada.com\/wp-content\/uploads\/2025\/07\/Capture-decran-le-2025-07-25-a-07.26.18.jpg?resize=1024%2C694&amp;ssl=1 1024w, https:\/\/i0.wp.com\/itayachtscanada.com\/wp-content\/uploads\/2025\/07\/Capture-decran-le-2025-07-25-a-07.26.18.jpg?resize=768%2C520&amp;ssl=1 768w, https:\/\/i0.wp.com\/itayachtscanada.com\/wp-content\/uploads\/2025\/07\/Capture-decran-le-2025-07-25-a-07.26.18.jpg?resize=700%2C474&amp;ssl=1 700w, https:\/\/i0.wp.com\/itayachtscanada.com\/wp-content\/uploads\/2025\/07\/Capture-decran-le-2025-07-25-a-07.26.18.jpg?resize=591%2C400&amp;ssl=1 591w\" sizes=\"auto, (max-width: 300px) 100vw, 300px\" data-attachment-id=\"282583\" data-permalink=\"https:\/\/itayachtscanada.com\/fr\/listing\/horizon-e81-2022-4699000-usd-for-sale\/capture-decran-le-2025-07-25-a-07-26-18\/\" data-orig-file=\"https:\/\/i0.wp.com\/itayachtscanada.com\/wp-content\/uploads\/2025\/07\/Capture-decran-le-2025-07-25-a-07.26.18.jpg?fit=1382%2C936&amp;ssl=1\" data-orig-size=\"1382,936\" data-comments-opened=\"1\" data-image-meta=\"{&quot;aperture&quot;:&quot;0&quot;,&quot;credit&quot;:&quot;&quot;,&quot;camera&quot;:&quot;&quot;,&quot;caption&quot;:&quot;&quot;,&quot;created_timestamp&quot;:&quot;0&quot;,&quot;copyright&quot;:&quot;&quot;,&quot;focal_length&quot;:&quot;0&quot;,&quot;iso&quot;:&quot;0&quot;,&quot;shutter_speed&quot;:&quot;0&quot;,&quot;title&quot;:&quot;&quot;,&quot;orientation&quot;:&quot;0&quot;}\" data-image-title=\"Capture d\u2019e\u0301cran, le 2025-07-25 a\u0300 07.26.18\" data-image-description=\"\" data-image-caption=\"\" data-large-file=\"https:\/\/i0.wp.com\/itayachtscanada.com\/wp-content\/uploads\/2025\/07\/Capture-decran-le-2025-07-25-a-07.26.18.jpg?fit=700%2C474&amp;ssl=1\" \/><\/a>\n\t\t\t<\/div><\/figure><figure class='gallery-item'>\n\t\t\t<div class='gallery-icon landscape'>\n\t\t\t\t<a href='https:\/\/itayachtscanada.com\/fr\/listing\/horizon-e81-2022-4699000-usd-for-sale\/capture-decran-le-2025-07-25-a-07-26-15\/'><img loading=\"lazy\" decoding=\"async\" width=\"300\" height=\"203\" src=\"https:\/\/i0.wp.com\/itayachtscanada.com\/wp-content\/uploads\/2025\/07\/Capture-decran-le-2025-07-25-a-07.26.15.jpg?fit=300%2C203&amp;ssl=1\" class=\"attachment-medium size-medium\" alt=\"\" srcset=\"https:\/\/i0.wp.com\/itayachtscanada.com\/wp-content\/uploads\/2025\/07\/Capture-decran-le-2025-07-25-a-07.26.15.jpg?w=1382&amp;ssl=1 1382w, https:\/\/i0.wp.com\/itayachtscanada.com\/wp-content\/uploads\/2025\/07\/Capture-decran-le-2025-07-25-a-07.26.15.jpg?resize=300%2C203&amp;ssl=1 300w, https:\/\/i0.wp.com\/itayachtscanada.com\/wp-content\/uploads\/2025\/07\/Capture-decran-le-2025-07-25-a-07.26.15.jpg?resize=1024%2C694&amp;ssl=1 1024w, https:\/\/i0.wp.com\/itayachtscanada.com\/wp-content\/uploads\/2025\/07\/Capture-decran-le-2025-07-25-a-07.26.15.jpg?resize=768%2C520&amp;ssl=1 768w, https:\/\/i0.wp.com\/itayachtscanada.com\/wp-content\/uploads\/2025\/07\/Capture-decran-le-2025-07-25-a-07.26.15.jpg?resize=700%2C474&amp;ssl=1 700w, https:\/\/i0.wp.com\/itayachtscanada.com\/wp-content\/uploads\/2025\/07\/Capture-decran-le-2025-07-25-a-07.26.15.jpg?resize=591%2C400&amp;ssl=1 591w\" sizes=\"auto, (max-width: 300px) 100vw, 300px\" data-attachment-id=\"282584\" data-permalink=\"https:\/\/itayachtscanada.com\/fr\/listing\/horizon-e81-2022-4699000-usd-for-sale\/capture-decran-le-2025-07-25-a-07-26-15\/\" data-orig-file=\"https:\/\/i0.wp.com\/itayachtscanada.com\/wp-content\/uploads\/2025\/07\/Capture-decran-le-2025-07-25-a-07.26.15.jpg?fit=1382%2C936&amp;ssl=1\" data-orig-size=\"1382,936\" data-comments-opened=\"1\" data-image-meta=\"{&quot;aperture&quot;:&quot;0&quot;,&quot;credit&quot;:&quot;&quot;,&quot;camera&quot;:&quot;&quot;,&quot;caption&quot;:&quot;&quot;,&quot;created_timestamp&quot;:&quot;0&quot;,&quot;copyright&quot;:&quot;&quot;,&quot;focal_length&quot;:&quot;0&quot;,&quot;iso&quot;:&quot;0&quot;,&quot;shutter_speed&quot;:&quot;0&quot;,&quot;title&quot;:&quot;&quot;,&quot;orientation&quot;:&quot;0&quot;}\" data-image-title=\"Capture d\u2019e\u0301cran, le 2025-07-25 a\u0300 07.26.15\" data-image-description=\"\" data-image-caption=\"\" data-large-file=\"https:\/\/i0.wp.com\/itayachtscanada.com\/wp-content\/uploads\/2025\/07\/Capture-decran-le-2025-07-25-a-07.26.15.jpg?fit=700%2C474&amp;ssl=1\" \/><\/a>\n\t\t\t<\/div><\/figure><figure class='gallery-item'>\n\t\t\t<div class='gallery-icon landscape'>\n\t\t\t\t<a href='https:\/\/itayachtscanada.com\/fr\/listing\/horizon-e81-2022-4699000-usd-for-sale\/capture-decran-le-2025-07-25-a-07-26-12\/'><img loading=\"lazy\" decoding=\"async\" width=\"300\" height=\"203\" src=\"https:\/\/i0.wp.com\/itayachtscanada.com\/wp-content\/uploads\/2025\/07\/Capture-decran-le-2025-07-25-a-07.26.12.jpg?fit=300%2C203&amp;ssl=1\" class=\"attachment-medium size-medium\" alt=\"\" srcset=\"https:\/\/i0.wp.com\/itayachtscanada.com\/wp-content\/uploads\/2025\/07\/Capture-decran-le-2025-07-25-a-07.26.12.jpg?w=1382&amp;ssl=1 1382w, https:\/\/i0.wp.com\/itayachtscanada.com\/wp-content\/uploads\/2025\/07\/Capture-decran-le-2025-07-25-a-07.26.12.jpg?resize=300%2C203&amp;ssl=1 300w, https:\/\/i0.wp.com\/itayachtscanada.com\/wp-content\/uploads\/2025\/07\/Capture-decran-le-2025-07-25-a-07.26.12.jpg?resize=1024%2C694&amp;ssl=1 1024w, https:\/\/i0.wp.com\/itayachtscanada.com\/wp-content\/uploads\/2025\/07\/Capture-decran-le-2025-07-25-a-07.26.12.jpg?resize=768%2C520&amp;ssl=1 768w, https:\/\/i0.wp.com\/itayachtscanada.com\/wp-content\/uploads\/2025\/07\/Capture-decran-le-2025-07-25-a-07.26.12.jpg?resize=700%2C474&amp;ssl=1 700w, https:\/\/i0.wp.com\/itayachtscanada.com\/wp-content\/uploads\/2025\/07\/Capture-decran-le-2025-07-25-a-07.26.12.jpg?resize=591%2C400&amp;ssl=1 591w\" sizes=\"auto, (max-width: 300px) 100vw, 300px\" data-attachment-id=\"282585\" data-permalink=\"https:\/\/itayachtscanada.com\/fr\/listing\/horizon-e81-2022-4699000-usd-for-sale\/capture-decran-le-2025-07-25-a-07-26-12\/\" data-orig-file=\"https:\/\/i0.wp.com\/itayachtscanada.com\/wp-content\/uploads\/2025\/07\/Capture-decran-le-2025-07-25-a-07.26.12.jpg?fit=1382%2C936&amp;ssl=1\" data-orig-size=\"1382,936\" data-comments-opened=\"1\" data-image-meta=\"{&quot;aperture&quot;:&quot;0&quot;,&quot;credit&quot;:&quot;&quot;,&quot;camera&quot;:&quot;&quot;,&quot;caption&quot;:&quot;&quot;,&quot;created_timestamp&quot;:&quot;0&quot;,&quot;copyright&quot;:&quot;&quot;,&quot;focal_length&quot;:&quot;0&quot;,&quot;iso&quot;:&quot;0&quot;,&quot;shutter_speed&quot;:&quot;0&quot;,&quot;title&quot;:&quot;&quot;,&quot;orientation&quot;:&quot;0&quot;}\" data-image-title=\"Capture d\u2019e\u0301cran, le 2025-07-25 a\u0300 07.26.12\" data-image-description=\"\" data-image-caption=\"\" data-large-file=\"https:\/\/i0.wp.com\/itayachtscanada.com\/wp-content\/uploads\/2025\/07\/Capture-decran-le-2025-07-25-a-07.26.12.jpg?fit=700%2C474&amp;ssl=1\" \/><\/a>\n\t\t\t<\/div><\/figure><figure class='gallery-item'>\n\t\t\t<div class='gallery-icon landscape'>\n\t\t\t\t<a href='https:\/\/itayachtscanada.com\/fr\/listing\/horizon-e81-2022-4699000-usd-for-sale\/capture-decran-le-2025-07-25-a-07-26-09\/'><img loading=\"lazy\" decoding=\"async\" width=\"300\" height=\"203\" src=\"https:\/\/i0.wp.com\/itayachtscanada.com\/wp-content\/uploads\/2025\/07\/Capture-decran-le-2025-07-25-a-07.26.09.jpg?fit=300%2C203&amp;ssl=1\" class=\"attachment-medium size-medium\" alt=\"\" srcset=\"https:\/\/i0.wp.com\/itayachtscanada.com\/wp-content\/uploads\/2025\/07\/Capture-decran-le-2025-07-25-a-07.26.09.jpg?w=1382&amp;ssl=1 1382w, https:\/\/i0.wp.com\/itayachtscanada.com\/wp-content\/uploads\/2025\/07\/Capture-decran-le-2025-07-25-a-07.26.09.jpg?resize=300%2C203&amp;ssl=1 300w, https:\/\/i0.wp.com\/itayachtscanada.com\/wp-content\/uploads\/2025\/07\/Capture-decran-le-2025-07-25-a-07.26.09.jpg?resize=1024%2C694&amp;ssl=1 1024w, https:\/\/i0.wp.com\/itayachtscanada.com\/wp-content\/uploads\/2025\/07\/Capture-decran-le-2025-07-25-a-07.26.09.jpg?resize=768%2C520&amp;ssl=1 768w, https:\/\/i0.wp.com\/itayachtscanada.com\/wp-content\/uploads\/2025\/07\/Capture-decran-le-2025-07-25-a-07.26.09.jpg?resize=700%2C474&amp;ssl=1 700w, https:\/\/i0.wp.com\/itayachtscanada.com\/wp-content\/uploads\/2025\/07\/Capture-decran-le-2025-07-25-a-07.26.09.jpg?resize=591%2C400&amp;ssl=1 591w\" sizes=\"auto, (max-width: 300px) 100vw, 300px\" data-attachment-id=\"282586\" data-permalink=\"https:\/\/itayachtscanada.com\/fr\/listing\/horizon-e81-2022-4699000-usd-for-sale\/capture-decran-le-2025-07-25-a-07-26-09\/\" data-orig-file=\"https:\/\/i0.wp.com\/itayachtscanada.com\/wp-content\/uploads\/2025\/07\/Capture-decran-le-2025-07-25-a-07.26.09.jpg?fit=1382%2C936&amp;ssl=1\" data-orig-size=\"1382,936\" data-comments-opened=\"1\" data-image-meta=\"{&quot;aperture&quot;:&quot;0&quot;,&quot;credit&quot;:&quot;&quot;,&quot;camera&quot;:&quot;&quot;,&quot;caption&quot;:&quot;&quot;,&quot;created_timestamp&quot;:&quot;0&quot;,&quot;copyright&quot;:&quot;&quot;,&quot;focal_length&quot;:&quot;0&quot;,&quot;iso&quot;:&quot;0&quot;,&quot;shutter_speed&quot;:&quot;0&quot;,&quot;title&quot;:&quot;&quot;,&quot;orientation&quot;:&quot;0&quot;}\" data-image-title=\"Capture d\u2019e\u0301cran, le 2025-07-25 a\u0300 07.26.09\" data-image-description=\"\" data-image-caption=\"\" data-large-file=\"https:\/\/i0.wp.com\/itayachtscanada.com\/wp-content\/uploads\/2025\/07\/Capture-decran-le-2025-07-25-a-07.26.09.jpg?fit=700%2C474&amp;ssl=1\" \/><\/a>\n\t\t\t<\/div><\/figure><figure class='gallery-item'>\n\t\t\t<div class='gallery-icon landscape'>\n\t\t\t\t<a href='https:\/\/itayachtscanada.com\/fr\/listing\/horizon-e81-2022-4699000-usd-for-sale\/capture-decran-le-2025-07-25-a-07-26-06\/'><img loading=\"lazy\" decoding=\"async\" width=\"300\" height=\"203\" src=\"https:\/\/i0.wp.com\/itayachtscanada.com\/wp-content\/uploads\/2025\/07\/Capture-decran-le-2025-07-25-a-07.26.06.jpg?fit=300%2C203&amp;ssl=1\" class=\"attachment-medium size-medium\" alt=\"\" srcset=\"https:\/\/i0.wp.com\/itayachtscanada.com\/wp-content\/uploads\/2025\/07\/Capture-decran-le-2025-07-25-a-07.26.06.jpg?w=1382&amp;ssl=1 1382w, https:\/\/i0.wp.com\/itayachtscanada.com\/wp-content\/uploads\/2025\/07\/Capture-decran-le-2025-07-25-a-07.26.06.jpg?resize=300%2C203&amp;ssl=1 300w, https:\/\/i0.wp.com\/itayachtscanada.com\/wp-content\/uploads\/2025\/07\/Capture-decran-le-2025-07-25-a-07.26.06.jpg?resize=1024%2C694&amp;ssl=1 1024w, https:\/\/i0.wp.com\/itayachtscanada.com\/wp-content\/uploads\/2025\/07\/Capture-decran-le-2025-07-25-a-07.26.06.jpg?resize=768%2C520&amp;ssl=1 768w, https:\/\/i0.wp.com\/itayachtscanada.com\/wp-content\/uploads\/2025\/07\/Capture-decran-le-2025-07-25-a-07.26.06.jpg?resize=700%2C474&amp;ssl=1 700w, https:\/\/i0.wp.com\/itayachtscanada.com\/wp-content\/uploads\/2025\/07\/Capture-decran-le-2025-07-25-a-07.26.06.jpg?resize=591%2C400&amp;ssl=1 591w\" sizes=\"auto, (max-width: 300px) 100vw, 300px\" data-attachment-id=\"282587\" data-permalink=\"https:\/\/itayachtscanada.com\/fr\/listing\/horizon-e81-2022-4699000-usd-for-sale\/capture-decran-le-2025-07-25-a-07-26-06\/\" data-orig-file=\"https:\/\/i0.wp.com\/itayachtscanada.com\/wp-content\/uploads\/2025\/07\/Capture-decran-le-2025-07-25-a-07.26.06.jpg?fit=1382%2C936&amp;ssl=1\" data-orig-size=\"1382,936\" data-comments-opened=\"1\" data-image-meta=\"{&quot;aperture&quot;:&quot;0&quot;,&quot;credit&quot;:&quot;&quot;,&quot;camera&quot;:&quot;&quot;,&quot;caption&quot;:&quot;&quot;,&quot;created_timestamp&quot;:&quot;0&quot;,&quot;copyright&quot;:&quot;&quot;,&quot;focal_length&quot;:&quot;0&quot;,&quot;iso&quot;:&quot;0&quot;,&quot;shutter_speed&quot;:&quot;0&quot;,&quot;title&quot;:&quot;&quot;,&quot;orientation&quot;:&quot;0&quot;}\" data-image-title=\"Capture d\u2019e\u0301cran, le 2025-07-25 a\u0300 07.26.06\" data-image-description=\"\" data-image-caption=\"\" data-large-file=\"https:\/\/i0.wp.com\/itayachtscanada.com\/wp-content\/uploads\/2025\/07\/Capture-decran-le-2025-07-25-a-07.26.06.jpg?fit=700%2C474&amp;ssl=1\" \/><\/a>\n\t\t\t<\/div><\/figure><figure class='gallery-item'>\n\t\t\t<div class='gallery-icon landscape'>\n\t\t\t\t<a href='https:\/\/itayachtscanada.com\/fr\/listing\/horizon-e81-2022-4699000-usd-for-sale\/capture-decran-le-2025-07-25-a-07-25-53\/'><img loading=\"lazy\" decoding=\"async\" width=\"300\" height=\"203\" src=\"https:\/\/i0.wp.com\/itayachtscanada.com\/wp-content\/uploads\/2025\/07\/Capture-decran-le-2025-07-25-a-07.25.53.jpg?fit=300%2C203&amp;ssl=1\" class=\"attachment-medium size-medium\" alt=\"\" srcset=\"https:\/\/i0.wp.com\/itayachtscanada.com\/wp-content\/uploads\/2025\/07\/Capture-decran-le-2025-07-25-a-07.25.53.jpg?w=1382&amp;ssl=1 1382w, https:\/\/i0.wp.com\/itayachtscanada.com\/wp-content\/uploads\/2025\/07\/Capture-decran-le-2025-07-25-a-07.25.53.jpg?resize=300%2C203&amp;ssl=1 300w, https:\/\/i0.wp.com\/itayachtscanada.com\/wp-content\/uploads\/2025\/07\/Capture-decran-le-2025-07-25-a-07.25.53.jpg?resize=1024%2C694&amp;ssl=1 1024w, https:\/\/i0.wp.com\/itayachtscanada.com\/wp-content\/uploads\/2025\/07\/Capture-decran-le-2025-07-25-a-07.25.53.jpg?resize=768%2C520&amp;ssl=1 768w, https:\/\/i0.wp.com\/itayachtscanada.com\/wp-content\/uploads\/2025\/07\/Capture-decran-le-2025-07-25-a-07.25.53.jpg?resize=700%2C474&amp;ssl=1 700w, https:\/\/i0.wp.com\/itayachtscanada.com\/wp-content\/uploads\/2025\/07\/Capture-decran-le-2025-07-25-a-07.25.53.jpg?resize=591%2C400&amp;ssl=1 591w\" sizes=\"auto, (max-width: 300px) 100vw, 300px\" data-attachment-id=\"282588\" data-permalink=\"https:\/\/itayachtscanada.com\/fr\/listing\/horizon-e81-2022-4699000-usd-for-sale\/capture-decran-le-2025-07-25-a-07-25-53\/\" data-orig-file=\"https:\/\/i0.wp.com\/itayachtscanada.com\/wp-content\/uploads\/2025\/07\/Capture-decran-le-2025-07-25-a-07.25.53.jpg?fit=1382%2C936&amp;ssl=1\" data-orig-size=\"1382,936\" data-comments-opened=\"1\" data-image-meta=\"{&quot;aperture&quot;:&quot;0&quot;,&quot;credit&quot;:&quot;&quot;,&quot;camera&quot;:&quot;&quot;,&quot;caption&quot;:&quot;&quot;,&quot;created_timestamp&quot;:&quot;0&quot;,&quot;copyright&quot;:&quot;&quot;,&quot;focal_length&quot;:&quot;0&quot;,&quot;iso&quot;:&quot;0&quot;,&quot;shutter_speed&quot;:&quot;0&quot;,&quot;title&quot;:&quot;&quot;,&quot;orientation&quot;:&quot;0&quot;}\" data-image-title=\"Capture d\u2019e\u0301cran, le 2025-07-25 a\u0300 07.25.53\" data-image-description=\"\" data-image-caption=\"\" data-large-file=\"https:\/\/i0.wp.com\/itayachtscanada.com\/wp-content\/uploads\/2025\/07\/Capture-decran-le-2025-07-25-a-07.25.53.jpg?fit=700%2C474&amp;ssl=1\" \/><\/a>\n\t\t\t<\/div><\/figure>\n\t\t<\/div>\n\n<div class=\"jetpack-video-wrapper\"><span class=\"embed-youtube\" style=\"text-align:center; display: block;\"><iframe loading=\"lazy\" class=\"youtube-player\" width=\"700\" height=\"394\" src=\"https:\/\/www.youtube.com\/embed\/iOGobjnJBJY?version=3&#038;rel=1&#038;showsearch=0&#038;showinfo=1&#038;iv_load_policy=1&#038;fs=1&#038;hl=fr-FR&#038;autohide=2&#038;wmode=transparent\" allowfullscreen=\"true\" style=\"border:0;\" sandbox=\"allow-scripts allow-same-origin allow-popups allow-presentation allow-popups-to-escape-sandbox\"><\/iframe><\/span><\/div>\n<\/div>\n<\/div>\n<\/div>\n<\/div>\n<\/div>\n<\/div>\n<\/div>\n<\/div>\n<\/div>\n<\/div>\n<\/div>\n<div>\n<div class=\"content-header\">\n<div><\/div>\n<div>\n<p><strong>\u00a0<\/strong><\/p>\n<p>&nbsp;<\/p>\n<p><strong>Ita Yachts Canada propose de vous assister et de voir \u00e0 vos int\u00e9r\u00eats pour l\u2019achat de ce yacht qui est \u00e0 vendre par une autre organisation. Nous serons pr\u00e9sents lors de l\u2019inspection et tout au long de la transaction et ce peu importe sa localisation. L\u2019\u00e9quipe d\u2019Ita Yachts Canada se soumet au plus haut standard d\u2019\u00e9thique.<\/strong><\/p>\n<p>&nbsp;<\/p>\n<\/div>\n<div>\n<p>S\u00e9lection des am\u00e9liorations d&rsquo;usine<\/p>\n<p>\u00c9l\u00e9ments disponibles sur la liste des am\u00e9liorations Horizon Yachts E81<\/p>\n<p>Am\u00e9nagement personnalis\u00e9\u00a0: 3 cabines + 3 salles d&rsquo;eau + bureau (convertible en 4e cabine si besoin), salle d&rsquo;eau et cabine \u00e9quipage<br \/>\nMoteurs doubles Caterpillar C-32 ACERT\/1\u00a0700\u00a0ch, conformes aux normes EPA Tier\u00a03\/IMO2<br \/>\nDeux (2) g\u00e9n\u00e9rateurs Onan 29\u00a0kW\/60\u00a0Hz<br \/>\nCapacit\u00e9 totale du r\u00e9servoir de carburant\u00a0: 2\u00a0300\u00a0gal<br \/>\nPont principal en teck et teck sur les parties verticales des marches reliant la plateforme de bain au pont arri\u00e8re<br \/>\nPlateforme hydraulique de mont\u00e9e\/descente \u00e0 l&rsquo;arri\u00e8re (charge de 900\u00a0kg\/2\u00a0000\u00a0lb)<br \/>\n\u00c9clairage sous-marin (4\u00a0unit\u00e9s, bleu) sur le tableau arri\u00e8re, sous la plateforme de bain<br \/>\nCompteur de cha\u00eene (x1)<br \/>\nPorte d&#8217;embarquement c\u00f4t\u00e9 pont avant<br \/>\nChaumards d&rsquo;angle du pont arri\u00e8re (x2)<br \/>\nMise \u00e0 niveau vers un Marquipt de 2\u00a0000\u00a0lb Bossoir<br \/>\nBo\u00eetier de commande fixe avec couvercle sur le pont arri\u00e8re b\u00e2bord et tribord<br \/>\nMise \u00e0 niveau avec ancre ULTRA de 100 kg avec \u00e9merillon ULTRA<br \/>\nTapis de pont avant sur mesure, ferrures en acier inoxydable et tissu de choix (y compris les poteaux*6, les douilles et les \u0153illets)<br \/>\nAm\u00e9nagement Skylounge + cuisine campagnarde<br \/>\nRails en acier inoxydable autour du pont du bateau<br \/>\nBarbecue au propane sur le pont arri\u00e8re du flybridge<br \/>\nInstallation d&rsquo;un large si\u00e8ge de barre Stidd dans le skylounge \u00e0 c\u00f4t\u00e9 du si\u00e8ge de barre<br \/>\nAjout d&rsquo;un variateur d&rsquo;intensit\u00e9 pour l&rsquo;\u00e9clairage du flybridge<br \/>\nTrois tabourets de bar dans le skylounge<br \/>\nMise \u00e0 niveau avec table haute\/basse manuelle au lieu d&rsquo;une hauteur fixe dans le skylounge<br \/>\nPanneau suppl\u00e9mentaire au-dessus du si\u00e8ge de barre dans le skylounge<br \/>\nPropulseur de poupe hydraulique (ABT 38 cv) *\u00c9galement \u00e9quip\u00e9 d&rsquo;un propulseur d&rsquo;\u00e9trave<br \/>\nStabilisateur ABT simple vitesse<br \/>\nSyst\u00e8me int\u00e9gr\u00e9 de d\u00e9tection et d&rsquo;alarme incendie et fum\u00e9e (Sea-Fire)<br \/>\nPr\u00e9-c\u00e2blage pour SAT. T\u00e9l\u00e9viseur, d\u00f4me factice et r\u00e9cepteurs dans toutes les cabines avec c\u00e2bles RG6Q et HDMI (montage \u00e0 bord).<br \/>\nSyst\u00e8me de purification de carburant ESI.<br \/>\nH\u00e9lices \u00e0 5 pales.<br \/>\nInstallation d&rsquo;un radar Garmin HD \u00e0 antenne ferm\u00e9e suppl\u00e9mentaire.<br \/>\nFiltre \u00e0 carburant double RACOR pour les g\u00e9n\u00e9rateurs.<br \/>\nPlancher en granit pour la cuisine.<br \/>\nUne porte coulissante b\u00e2bord suppl\u00e9mentaire reliant la cuisine au pont principal b\u00e2bord.<br \/>\nPortes moustiquaires sur mesure pour l&rsquo;entr\u00e9e du salon, la porte arri\u00e8re du Skylounge et les deux portes lat\u00e9rales du pont. Cave \u00e0 vin SUBZERO 424 dans la cuisine<br \/>\nMicro-ondes dans la cuisine de l&rsquo;\u00e9quipage<br \/>\nInstallation d&rsquo;un r\u00e9frig\u00e9rateur\/cong\u00e9lateur dans la cabine de l&rsquo;\u00e9quipage<br \/>\nLave-linge\/s\u00e8che-linge GE superpos\u00e9s dans la zone \u00e9quipage (deuxi\u00e8me ensemble \u00e9galement dans la descente principale, pr\u00e8s du capitaine)<br \/>\nPlomberie de la pompe \u00e0 eau glac\u00e9e de rechange et des pompes \u00e0 eau brute de la climatisation<br \/>\nListe des am\u00e9liorations personnalis\u00e9es d&rsquo;usine<\/p>\n<p>Les \u00e9l\u00e9ments ci-dessous ont \u00e9t\u00e9 s\u00e9lectionn\u00e9s en usine lors de la construction du VALIANT \u00e0 l&rsquo;usine Horizon\u00a0:<\/p>\n<p>Toilettes Sealand \u00e0 broyeur s\u00e9rie 8600<br \/>\nGrandes fen\u00eatres \u00e0 b\u00e2bord et \u00e0 tribord de la cabine propri\u00e9taire<br \/>\nEscalier sur mesure du pont arri\u00e8re menant \u00e0 la cabine de l&rsquo;\u00e9quipage<br \/>\nArmoire suppl\u00e9mentaire \u00e0 b\u00e2bord et \u00e0 tribord sur le pont arri\u00e8re pour le rangement<br \/>\nMachine \u00e0 gla\u00e7ons\/r\u00e9frig\u00e9rateur combin\u00e9e U-LINE et rangement pour trois chaises\/\u00e9chelle de bain. Trois chaises VALDENASSI sur le pont arri\u00e8re<br \/>\nSyst\u00e8me d&rsquo;alimentation \u00e0 quai sur mesure\u00a0: un c\u00e2ble principal de 100\u00a0A avec 23\u00a0m de c\u00e2ble \u00e0 l&rsquo;arri\u00e8re b\u00e2bord et un c\u00e2ble principal de 100\u00a0A avec 15\u00a0m \u00e0 l&rsquo;avant, incluant deux transformateurs ANG de 25\u00a0kVA pour une alimentation de 100\u00a0A<br \/>\nAjout de deux prises de quai de 100\u00a0A \u00e0 l&rsquo;avant et \u00e0 l&rsquo;arri\u00e8re chacune<br \/>\nBar sur mesure avec \u00e9vier, r\u00e9frig\u00e9rateur Vitrifrigo, machine \u00e0 gla\u00e7ons Raritan et rangements, plus fen\u00eatre ouvrante \u00e0 l&rsquo;arri\u00e8re du Skylounge b\u00e2bord<br \/>\nCabine suppl\u00e9mentaire faisant office de bureau avec placard \u00e0 b\u00e2bord (transformable en cabine si d\u00e9sir\u00e9)<br \/>\nSkylounge sur mesure \u00e0 l&rsquo;arri\u00e8re tribord Banquette lat\u00e9rale en L<br \/>\nInstallation de deux taquets escamotables sur la plateforme de bain<br \/>\nMise \u00e0 niveau des colliers de serrage lisses sur demande<br \/>\nAjout de filtres Seagull aux \u00e9viers (purificateur d&rsquo;eau potable IV X-1F avec robinet FP, marine\/camping-car) dans la cuisine\/bar Skylounge, et \u00e0 la machine \u00e0 gla\u00e7ons (purificateur d&rsquo;eau potable IV X-1B, marine\/). Adaptation de l&rsquo;installation de filtres \u00e0 eau Seagull \u00e0 l&rsquo;\u00e9vier du pont du bateau en augmentant la taille du filtre sur le flybridge afin qu&rsquo;il puisse \u00e9galement alimenter l&rsquo;\u00e9vier du pont du bateau, en plus du robinet d&rsquo;eau potable et de la machine \u00e0 gla\u00e7ons du skylounge.<br \/>\nSyst\u00e8me de brumisation pour le pont arri\u00e8re du flybridge<br \/>\nAugmentation de la capacit\u00e9 du r\u00e9servoir d&rsquo;eau \u00e0 1135 litres (330 gallons) au lieu des 136 litres standard<br \/>\nDeux emplacements pr\u00e9vus pour un aspirateur sans fil Dyson dans la zone \u00e9quipage et la cabine inf\u00e9rieure, avec prises d&rsquo;air<br \/>\nAugmentation de la capacit\u00e9 du r\u00e9servoir \u00e0 eaux noires \u00e0 790 litres (200 gallons) au lieu des 380 litres standard<br \/>\nInstallation d&rsquo;un syst\u00e8me de climatisation compact de 12\u00a0000 BTU dans la salle des machines<br \/>\nMise \u00e0 niveau du ch\u00e2ssis en acier inoxydable pour l&rsquo;\u00e9trave arrondie Panneau d&rsquo;\u00e9coutille<br \/>\nRemplacer les protections de p\u00e9dale de guindeau en plastique standard par des caches en inox<br \/>\nInstaller un syst\u00e8me individuel de nettoyage haute pression pour le lavage ext\u00e9rieur du pont, y compris les \u00e9l\u00e9ments ci-dessous\u00a0:<br \/>\n1. Adaptation de la tuyauterie \u00e0 une ligne de flottaison de 19 mm et \u00e0 un robinet d&rsquo;eau ext\u00e9rieur sur les ponts avant et arri\u00e8re.<br \/>\n2. Troisi\u00e8me robinet ext\u00e9rieur\/robinet d&rsquo;arrosage sous le meuble de pont, avec acc\u00e8s par la porte.<br \/>\n3. Une pompe \u00e0 eau douce Headhunter M5-115 (MACH 5, 115 VCA) suppl\u00e9mentaire (utilis\u00e9e sans le r\u00e9servoir sous pression).<br \/>\n4. Vanne Headhunter PR-1000.<br \/>\nR\u00e9frig\u00e9rateur Dometic CRX-1110E\/F dans le skylounge et le pont arri\u00e8re.<br \/>\nMachine \u00e0 gla\u00e7ons HOSHIZAKI KM-80BAJ dans la passerelle.<br \/>\nInstallation d&rsquo;un distributeur de savon sur plan de travail en chrome poli dans la cuisine.<br \/>\nMachine \u00e0 gla\u00e7ons U-Line BI95FCB.<br \/>\nInstaller un r\u00e9frig\u00e9rateur \u00e0 portes fran\u00e7aises avec panneau en bois et trois poign\u00e9es en inox dans la cuisine.<br \/>\nPr\u00e9-c\u00e2blage de l&rsquo;alimentation 24 VCC avec disjoncteur 10 A et r\u00e9serve. Espace moteur, conform\u00e9ment \u00e0 la demande d&rsquo;installation de l&rsquo;ElectroSea CLEARLINE 990 en pr\u00e9paration aux \u00c9tats-Unis.<\/p>\n<p>Am\u00e9lioration des \u00e9clairages sur le toit rigide du pont arri\u00e8re et le toit rigide de la passerelle\u00a0: ils doivent \u00eatre du m\u00eame style et de la m\u00eame marque que les bandes lumineuses horizontales du salon, au lieu des spots encastr\u00e9s standard.<br \/>\nAjout de deux projecteurs LED sur le toit rigide arri\u00e8re pour \u00e9clairer le pont et l&rsquo;espace barbecue, encastr\u00e9s dans le PRV (pas de montage en surface). De la m\u00eame marque et du m\u00eame style que le pont arri\u00e8re.<br \/>\nAjout de ports USB dans le salon\/salle \u00e0 manger (3), la d\u00eenette (1), le salon (3), la cabine VIP (2), la cabine invit\u00e9s tribord (1), la cabine propri\u00e9taire (2) et la cabine \u00e9quipage (1), conform\u00e9ment au plan. Veuillez noter que chaque port USB est un port suppl\u00e9mentaire.<br \/>\nAjout de prises avec cache \u00e9tanche aux extr\u00e9mit\u00e9s du pont avant, sous le haut-parleur (conform\u00e9ment au plan).<br \/>\nAjout d&rsquo;un variateur d&rsquo;intensit\u00e9 pour trois lampes au-dessus de la table de la d\u00eenette.<br \/>\nVariateur d&rsquo;intensit\u00e9 pour les appliques des cabines propri\u00e9taire et VIP.<br \/>\n\u00c0 c\u00f4t\u00e9 du standard. Lumi\u00e8re bleue, installation d&rsquo;une autre bande LED blanche sous les moteurs avec interrupteur s\u00e9par\u00e9.<br \/>\nInstallation d&rsquo;une prise Ethernet avec connecteur RJ45 et couvercle \u00e9tanche \u00e0 l&rsquo;avant et \u00e0 l&rsquo;arri\u00e8re.<br \/>\nEnsemble complet de vaisselle pour 12 personnes, comprenant \u00e9gouttoir, vaisselle, assiettes, couteaux et fourchettes.<br \/>\nUn jeu de draps de rechange pour les cabines propri\u00e9taire, VIP, twin et \u00e9quipage.<br \/>\nAjout d&rsquo;un 4e oreiller \u00e0 la dinette (3 de s\u00e9rie).<br \/>\nAm\u00e9lioration de la main courante inf\u00e9rieure de descente avec embout en acier inoxydable et rev\u00eatement vinyle, plus \u00e9clairage LED vers le bas.<br \/>\nAm\u00e9lioration du miroir \u00e0 l&rsquo;arri\u00e8re des portes de chaque salle d&rsquo;eau, soit cinq unit\u00e9s au total.<br \/>\nTable basse sur mesure dans le salon.<br \/>\nTapis de salon.<br \/>\nAm\u00e9lioration de deux cascades avec quartz Hanstone LV607 (choix de la cuisine).<br \/>\nInstallation d&rsquo;une prise simple dans l&rsquo;armoire \u00e0 pharmacie de la salle d&rsquo;eau propri\u00e9taire.<br \/>\nInstallation d&rsquo;une prise avec couvercle \u00e9tanche \u00e0 tribord du si\u00e8ge du pont arri\u00e8re.<br \/>\nAm\u00e9lioration du robinet Franke dans la cuisine.<br \/>\nAm\u00e9lioration de la table \u00e0 manger en verre (sans cadre en acier inoxydable) au lieu de la table de salle \u00e0 manger standard. Bois<br \/>\nR\u00e9novation de deux parois de douche en quartz (arri\u00e8re et c\u00f4t\u00e9) Hanstone LV607 au lieu de la douche principale standard<br \/>\nR\u00e9novation de parois de douche invit\u00e9s en quartz Hanstone LV607 au lieu de la douche invit\u00e9s standard<br \/>\nR\u00e9novation de parois de douche VIP en quartz Hanstone LV607 au lieu de la douche VIP standard<br \/>\nMise \u00e0 niveau avec des tabourets de bar minces*3 pouces S\/L modernes au lieu de la douche standard<br \/>\nInstallation d&rsquo;une baignoire Breathe Easy UV en ligne dans le conduit d&rsquo;alimentation de chaque zone, \u00e0 la demande du propri\u00e9taire, comme indiqu\u00e9 ci-dessous. Tube UV Breathe Easy 20 cm x 2 &#8212; pour le salon x 1 et la cabine principale x 1<br \/>\nTube UV Breathe Easy 18 cm x 10 cm &#8212; pour la dinette x 1, la cuisine x 1 et les deux chambres \u00e0 coucher x 2<br \/>\nTube UV Breathe Easy 15 cm x 1 &#8212; pour la cabine VIP x 1<br \/>\nTube UV Breathe Easy 13 cm x 7 cm &#8212; pour les invit\u00e9s x 1, le bureau x 1 et l&rsquo;espace de travail de l&rsquo;\u00e9quipage x 1<br \/>\nTube UV Breathe Easy 10 cm x 1 &#8212; pour la cabine \u00e9quipage x 1<br \/>\nPlancher moteur blanc au lieu de la version standard<br \/>\nPortes int\u00e9rieures en bois sur mesure<br \/>\nPlancher de travail avant b\u00e2bord en quartz Hanstone LV607 au lieu de la version standard<br \/>\nPlancher de pont avant en Corian onyx blanc WQ3301 au lieu de la version standard<br \/>\nPVC sur le pont avant\u00a0: ajout d&rsquo;un porte-peignoir et d&rsquo;un porte-serviettes dans chaque salle d&rsquo;eau VIP\/invit\u00e9s\/\u00e9quipage<br \/>\nAppliques murales Serien ROD au lieu de la version standard dans les cabines principale et VIP<br \/>\nAppliques ext\u00e9rieures blanches Quick Chiara 4 W<br \/>\nR\u00e9novation de la surface de la baie vitr\u00e9e principale avec la d\u00e9coration Easywork A031 choisie par le propri\u00e9taire<br \/>\nR\u00e9novation de deux si\u00e8ges de barre avec le tissu Ultra Leather avec passepoil, choisi par le propri\u00e9taire, et d&rsquo;un deuxi\u00e8me si\u00e8ge de barre de 500 W (large).<br \/>\nPlafond miroir gris dans la salle d&rsquo;eau (au lieu de la version standard).<br \/>\nR\u00e9novation de poign\u00e9es carr\u00e9es noires fines contemporaines F&amp;P sur le r\u00e9frig\u00e9rateur de la cuisine*3 et d&rsquo;un support \u00e0 \u00e9pices \u00e0 c\u00f4t\u00e9 du r\u00e9frig\u00e9rateur*1.<br \/>\nR\u00e9novation de la robinetterie KOHLER \u2013 K-14661-4-CP choisie par le propri\u00e9taire dans la salle d&rsquo;eau principale (au lieu de la version standard).<br \/>\nR\u00e9novation du cadre de fen\u00eatre avec un vinyle Baby Autruche dans toutes les pi\u00e8ces.<br \/>\nR\u00e9novation du parquet Gent 181.<br \/>\nR\u00e9novation de la quincaillerie KEUCO choisie par le propri\u00e9taire dans la salle d&rsquo;eau principale, incluant un porte-serviettes, un crochet, un porte-papier et un ensemble brosse WC.<br \/>\nSi\u00e8ges de douche en quartz Hanstone LV607.<br \/>\nR\u00e9novation de l&rsquo;\u00e9clairage blanc sur tous les escaliers ext\u00e9rieurs (au lieu de la version standard).<br \/>\nAjout de charni\u00e8res de levage sur mesure sur les portes du pont arri\u00e8re.<br \/>\nR\u00e9novation du plan de travail c\u00f4t\u00e9 b\u00e2bord du pont du bateau avec le Meganite 007 (au lieu de la version standard).<br \/>\nInstallation d&rsquo;un t\u00e9l\u00e9phone sans fil int\u00e9gr\u00e9. Chargeurs sur les tables de nuit de la cabine principale<br \/>\nPrises de courant positives sur le bureau<br \/>\nSupports pour radeau en acier inoxydable*2 sur les rails de la cabine avant\/arri\u00e8re<br \/>\nRaccordement de bandes chauffantes aux unit\u00e9s de traitement d&rsquo;air pour un chauffage suppl\u00e9mentaire dans trois cabines uniquement (cabines principale\/VIP\/invit\u00e9s)<br \/>\nSalsinisateur et purificateur d&rsquo;eau Dometic SeaXchange et Spot Zero XZII 1200\/2000Z avec \u00e9cran de contr\u00f4le 7 pouces au poste de pilotage<br \/>\nOption\u00a0: rev\u00eatement Ultraleather s\u00e9lectionn\u00e9 par le propri\u00e9taire au lieu du tissu standard sur le canap\u00e9 S\/L<br \/>\nOption\u00a0: rev\u00eatement Ultraleather s\u00e9lectionn\u00e9 par le propri\u00e9taire au lieu du tissu standard Tabourets de bar S\/L en tissu*3<br \/>\n\u00c9chelle FIBERDYNE \u00e0 6 marches et (2) plafonniers encastr\u00e9s en acier inoxydable<br \/>\nReconstruction du meuble avec renforcement de la structure et faux panneau avant en bois pour r\u00e9pondre aux besoins du propri\u00e9taire. Coffres-forts Empire Avenue s\u00e9rie AV1212-11*2<br \/>\nMatelas Sealy Master sur mesure<br \/>\nLavabo en pierre sur mesure dans la chambre principale<br \/>\nVerres \u00e0 pied SCHOTT\u00a0: (12) verres \u00e0 vin rouge, (12) coupes et (12) verres \u00e0 whisky<br \/>\nInstallation de la paroi de douche d&rsquo;angle en quartz LV607 (3 pommeaux)<br \/>\nUn pouf sur mesure avec le m\u00eame cuir que le canap\u00e9 du salon<br \/>\nInstallation de la volant gain\u00e9 de cuir (voir livret de tissu)<br \/>\nAchat d&rsquo;un contr\u00f4leur de mise en parall\u00e8le automatique ANG<br \/>\n&#8211; Entr\u00e9e\u00a0: deux 50\u00a0A 120\/240\u00a0V ou 0\/230\u00a0V, monophas\u00e9 60\/50\u00a0HZ<br \/>\n&#8211; Sortie\u00a0: une 100\u00a0A 120\/240\u00a0V ou 0\/230\u00a0V monophas\u00e9 60\/50 Hz<br \/>\nMise \u00e0 niveau des moteurs CAT de 1\u00a0600 ch \u00e0 1\u00a0700 ch<\/p>\n<p>Am\u00e9liorations apport\u00e9es par le propri\u00e9taire<br \/>\nLes \u00e9l\u00e9ments suivants ont \u00e9t\u00e9 ajout\u00e9s au VALIANT par le propri\u00e9taire actuel\u00a0:<\/p>\n<p>Cordon d&rsquo;alimentation de quai portable de 18,3 m (60 pi) de 100\u00a0A<br \/>\nRallonge de 15,2 m (50 pi) de 100\u00a0A<br \/>\nCam\u00e9ra de vision nocturne FLIR M364C gyrostabilis\u00e9e<br \/>\nClimatisation Clearline ElectroSea, syst\u00e8me de nettoyage et d&rsquo;entretien des conduites d&rsquo;eau brute<br \/>\nT\u00e9l\u00e9commande d&rsquo;amarrage Dockmate Twist avec joystick (contr\u00f4leur premium) &#8211; remplace l&rsquo;option de contr\u00f4le du yacht<br \/>\nAnnexe Walker Bay Venture 14 2021 avec moteur hors-bord Yamaha 70\u00a0ch &#8211; avec m\u00e2t de ski, sondeur Garmin, traceur de cartes Garmin 9\u00a0pouces, marches et plancher de pont, chargeur de batterie, 2\u00a0projecteurs sous-marins, 4\u00a0\u00e9clairages de cockpit, h\u00e9lice de rechange, cha\u00eene st\u00e9r\u00e9o Fusion avec 2\u00a0haut-parleurs JL, harnais de levage Spectra, housse Sunbrella personnalis\u00e9e<br \/>\nSyst\u00e8me de calage d&rsquo;annexe pour flybridge arri\u00e8re<br \/>\nRev\u00eatement c\u00e9ramique liquide NLS Yacht Solutions pour les coques de bateaux<br \/>\n2\u00a0chaises longues pour flybridge arri\u00e8re<br \/>\nCoffres \u00e0 outils en aluminium sur mesure Salle des machines<\/p>\n<p>\u00c9lectronique de barre et \u00e9quipement de navigation<br \/>\nLe pack \u00e9lectronique du VALIANT a \u00e9t\u00e9 soigneusement con\u00e7u par les professionnels de la marine MPI, experts en technologies marines de pointe.<\/p>\n<p>3 \u00e9crans multifonctions Garmin GPSMAP 8622 22&Prime; Glass Bridge avec cartes g3<br \/>\n2 lecteurs de cartes SD Garmin pour Garmin s\u00e9rie 8000<br \/>\nC\u00e2ble HDMI pour affichage GPSMAP sur t\u00e9l\u00e9viseur<br \/>\nModule sondeur Garmin GSD 25 Premium<br \/>\nGarmin CHIRP-M, Bronze LP 12 inclinable<br \/>\nRadar Garmin GMR Fantom 126, 120 watts, 1,8 m<br \/>\nRadar Garmin GMR 24 xHD, 4 kW, d\u00f4me ferm\u00e9 61 cm<br \/>\nPilote automatique Gamin Reactor 40 Smartpump v2, avec GHC<br \/>\nT\u00e9l\u00e9commande de pilote automatique Garmin, sans fil<br \/>\n2 VHF Garmin 215, avec GPS, porte-voix et t\u00e9l\u00e9commande<br \/>\n2 VHF Garmin 17&rsquo;6&Prime; bande marine, gain 9 dB, 2 pi\u00e8ces Antennes<br \/>\nSyst\u00e8me Garmin AIS Classe B, AIS 800 avec antenne<br \/>\nSyst\u00e8me de cam\u00e9ras Garmin GC 200, cam\u00e9ras IP marines (4) dans la salle des machines, (1) sur le pont arri\u00e8re, (1) sur la passerelle, pont arri\u00e8re<br \/>\nM\u00e9t\u00e9o et radio Sirius XM, GXM 54<br \/>\nPack Garmin GMI 20 Profondeur\/Vitesse\/Vent<br \/>\nAffichage num\u00e9rique des instruments marins Garmin GMI 20<\/p>\n<p>\u00c9quipement audio\/visuel\/Internet am\u00e9lior\u00e9<br \/>\nLe pack audio\/visuel\/Internet du VALIANT a \u00e9galement \u00e9t\u00e9 soigneusement con\u00e7u avec les professionnels de la marine MPI.<\/p>\n<p>Skylounge<\/p>\n<p>LG &#8211; T\u00e9l\u00e9viseur LED HD Smart webOS de 32 pouces sur support TV rabattable<br \/>\nSONOS AMP 125 W par canal<br \/>\n4 enceintes de plafond TruAudio Phantom 6,5 pouces sans cadre<br \/>\nPont avant<\/p>\n<p>SONOS AMP 125 W par canal<br \/>\n2 enceintes JL Audio s\u00e9rie M6 derri\u00e8re le bain de soleil, face \u00e0 l&rsquo;arri\u00e8re<br \/>\nSkylounge &#8211; Pont arri\u00e8re<\/p>\n<p>SONOS AMP 125 W par canal<br \/>\nUnit\u00e9 centrale st\u00e9r\u00e9o FUSION RA70i<br \/>\n2 enceintes JL Audio s\u00e9rie M6 en hauteur<br \/>\nD\u00eenette<\/p>\n<p>SONOS AMP 125 W par canal<br \/>\n2 enceintes de plafond TruAudio Phantom 6,5 pouces sans cadre<br \/>\nCabine principale<\/p>\n<p>LG T\u00e9l\u00e9viseur UHD 4K Smart 4K de 43 pouces avec IA ThinQ<br \/>\nSon Sonos Beam<br \/>\nSalon<\/p>\n<p>LG T\u00e9l\u00e9viseur OLED 4K Smart BX de 55 pouces avec IA ThinQ<br \/>\nSon Sonos ARC<br \/>\nCaisson de basses SONOS<br \/>\nSONOS AMP 125 W par canal Canal<br \/>\n2 haut-parleurs de plafond TruAudio Phantom 6,5&Prime; sans cadre<br \/>\nPont arri\u00e8re<\/p>\n<p>AMPLI SONOS 125 W par canal<br \/>\n2 haut-parleurs JL Audio s\u00e9rie M6 en hauteur<br \/>\nCabine VIP avant<\/p>\n<p>T\u00e9l\u00e9viseur LG LED HD 32&Prime; Smart webOS<br \/>\nAMPLI SONOS 125 W par canal<br \/>\n2 haut-parleurs de plafond TruAudio Phantom 6,5&Prime; sans cadre<br \/>\nCabine invit\u00e9s tribord<\/p>\n<p>T\u00e9l\u00e9viseur LG LED HD 24&Prime;<br \/>\nApple TV 4K 32 Go<br \/>\nCabine capitaine arri\u00e8re<\/p>\n<p>T\u00e9l\u00e9viseur LG LED HD 24&Prime;<br \/>\nApple TV 4K 32 Go<br \/>\nINTERNET<\/p>\n<p>Les d\u00f4mes TV satellite sont vides et accueillent toutes les antennes de navigation pour un look \u00e9pur\u00e9<br \/>\nIntranet du navire\u00a0: Routeur Wi-Fi\u00a0: Routeur sans fil Cisco 2,4 et 5\u00a0GHz avec points d&rsquo;acc\u00e8s dans les cabines principale, VIP, Skylounge et cockpit arri\u00e8re<br \/>\nSource Internet n\u00b0\u00a01\u00a0: Amplificateur Wi-Fi bi-bande Aigean 7000ac 2,4 et 5\u00a0GHz<br \/>\nSource Internet n\u00b0\u00a02 CELLULAIRE &#8211; Routeur mobile MoFi avec antenne cellulaire<br \/>\nPorts Ethernet avant et arri\u00e8re pour connexion Internet \u00e0 quai, si disponible<br \/>\nS\u00c9CURIT\u00c9<\/p>\n<p>Pack de s\u00e9curit\u00e9, de surveillance et de contr\u00f4le GOST Apparition<\/p>\n<div class=\"content-header\">\n<div>Standard Features- Exterior And Equipment<\/div>\n<\/div>\n<div class=\"html-content-description\">\n<div>\n<p>Hull and Main Structure<\/p>\n<ul>\n<li>ABS\/DNV type approved fiber\/resin &amp; sandwich\u00a0core material applied.<\/li>\n<li>White gelcoat finish for hull above water line,\u00a0exterior decks and furniture.<\/li>\n<li>High density foam cored construction bottom\u00a0and topsides<\/li>\n<li>Hull, deck &amp; superstructure built with licensed\u00a0process SCRIMPTM for improved strength and\u00a0less weight.<\/li>\n<li>High-density Divinycell or equivalent foam cored\u00a0decks and superstructure.<\/li>\n<li>Engine room stringers with high density foam\u00a0coring.<\/li>\n<li>Interior structural components all properly\u00a0bonded to hull.<\/li>\n<li>International anti-fouling bottom paint w\/ anti-osmosis\u00a0treatment.<\/li>\n<li>PropSpeed metal paint for underwater\u00a0appendages.<\/li>\n<li>Tunnels for reduced draft.<\/li>\n<\/ul>\n<p>Exterior Deck and Equipment<\/p>\n<ul>\n<li>Non-skid main deck.<\/li>\n<li>Non-skid flybridge deck.<\/li>\n<li>Teak deck on aft deck, swim platform &amp; stair\u00a0steps.<\/li>\n<li>Heavy-duty S\/S #316 2\u201d handrail w\/ 1-1\/4\u201d\u00a0stanchions.<\/li>\n<li>Heavy-duty #316 S\/S cleats, total 8 ea.<\/li>\n<li>S\/S flag pole on bow rail.<\/li>\n<li>S\/S flag pole at stern<\/li>\n<li>Cover for fuel\/water inlets in recessed boxes.<\/li>\n<li>Flybridge tinted acrylic windshield with S\/S frame.<\/li>\n<li>FRP cap rail (option: teak cap rail).<\/li>\n<li>S\/S rub rail around hull deck joint.<\/li>\n<li>Vertical Hydraulic anchor winch MAXWELL\u00a0VWC4000C w\/local foot switch.<\/li>\n<li>100kg S\/S anchor (x1)<\/li>\n<li>300 Feet high tensile 3\/8\u201d anchor chain (x1).<\/li>\n<li>S\/S rollers and chain stopper.<\/li>\n<li>S\/S sliding door for main salon.<\/li>\n<li>Deckhouse side entrance door (x1).<\/li>\n<li>Two FRP side deck boarding doors in aft. deck.<\/li>\n<li>Frameless windows with tinted safety glass.<\/li>\n<li>S\/S portholes w\/ screens.<\/li>\n<li>S\/S frame hatch on flybridge stair opening.<\/li>\n<li>One escape hatch w\/ screen in VIP.<\/li>\n<li>Transom gates from aft deck to\u00a0swim platform.<\/li>\n<li>Sunpad on fwd deck w\/ storage underneath &amp;\u00a0drink holder.<\/li>\n<li>U-shaped settee w\/ FRP fixed height table.<\/li>\n<li>Teak grid cover anchor chain trench for flat fwd\u00a0deck.<\/li>\n<li>Two LED pop-up lights.<\/li>\n<li>Aft deck seats w\/ drink holders P&amp;S.<\/li>\n<li>Aft deck Hi\/Lo &amp; sliding teak dining table in high gloss\u00a0varnish.<\/li>\n<li>Two S\/S posts on aft deck for FB support.<\/li>\n<li>Comfortable stairs from aft deck to F\/B with S\/S\u00a0handrails.<\/li>\n<li>Stairs from swim platform to aft deck with S\/S\u00a0handrails.<\/li>\n<li>Aft deck FRP cabinets P&amp;S for cleat, winch &amp;\u00a0rope storage.<\/li>\n<li>Built-in boat hook holder*1 in aft deck.<\/li>\n<li>Third wired remote control station (engine\u00a0gear, thruster) in aft deck.<\/li>\n<li>Water tight door from swim platform to aft\u00a0crew area.<\/li>\n<li>2\u201d removable S\/S rails around swim platform\u00a0at stern.<\/li>\n<li>S\/S manual swim ladder under swim platform.<\/li>\n<li>Built-in shower with hot\/cold water by swim platform<\/li>\n<li>LED courtesy lights.<\/li>\n<li>LED bulwark w\/ flush mounted deck lights.<\/li>\n<li>Foredeck with two pop-up LED lights.<\/li>\n<li>LED ceiling lights.<\/li>\n<li>Dimmer system for aft deck and Flybridge\u00a0overhead lighting.<\/li>\n<li>LED white lights for Horizon logo on P&amp;S.<\/li>\n<li>LED navigation lights.<\/li>\n<li>TOKAI SANSHIN search light (x1).<\/li>\n<li>Wiring for boat name on transom.<\/li>\n<li>Two stern docking lights.<\/li>\n<li>Indirect lighting system under seats.<\/li>\n<\/ul>\n<\/div>\n<\/div>\n<p>Option Skylounge<\/p>\n<p>Un si\u00e8ge pilote STIDD en vinyle noir.<br \/>\nFinition int\u00e9rieure enti\u00e8rement bois\u00e9e vernie semi-brillante.<br \/>\nTable \u00e0 manger \u00e0 hauteur fixe en bois semi-brillant.<br \/>\nGrand canap\u00e9 en U sur\u00e9lev\u00e9 en tissu avec rangement en dessous.<br \/>\nBarre d&rsquo;appui de s\u00e9curit\u00e9 thermolaqu\u00e9e blanche \u00e0 b\u00e2bord et \u00e0 tribord du Skylounge.<br \/>\nCuisine avant\/arri\u00e8re enti\u00e8rement ferm\u00e9e avec porte coulissante en acier inoxydable et grande fen\u00eatre ouvrante donnant sur l&rsquo;arri\u00e8re.<br \/>\nFen\u00eatres lat\u00e9rales vitr\u00e9es pour faciliter l&rsquo;accostage.<br \/>\nEscalier menant au salon.<br \/>\nClimatisation MARINE AIR.<br \/>\nCuisine campagnarde dans la timonerie. T\u00e9l\u00e9viseur SAMSUNG 32 pouces Hi\/Lo avec lecteur DVD FUSION Marine et deux enceintes Fusion.<br \/>\nHaut-parleurs Fusion (x2) sous le toit rigide pour partager la musique de la cha\u00eene st\u00e9r\u00e9o FUSION Marine dans le salon arri\u00e8re.<br \/>\nPanneau de toit*1 sur le salon arri\u00e8re (au-dessus du si\u00e8ge de pilotage).<br \/>\nSyst\u00e8me st\u00e9r\u00e9o Fusion Marine (x1) et haut-parleurs (x2) pour coin repas\/cuisine.<br \/>\nInstrumentation moteur compl\u00e8te.<br \/>\nVolant.<br \/>\nFeu rouge au-dessus du poste de pilotage.<br \/>\nCompas RITCHIE.<br \/>\nSyst\u00e8me d&rsquo;alarme moteur pour basse pression d&rsquo;huile et temp\u00e9rature d&rsquo;eau \u00e9lev\u00e9e.<br \/>\nEssuie-glaces SPEICH en acier inoxydable robustes avec syst\u00e8me de lave-glace.<br \/>\nVitesse variable sur chaque essuie-glace.<br \/>\nSyst\u00e8me de contr\u00f4le \u00e9lectronique du moteur MMC.<br \/>\nAvertisseurs sonores \u00e9lectriques.<br \/>\nNouveau syst\u00e8me de surveillance et de contr\u00f4le num\u00e9rique CZone\u00a0:<br \/>\na. Feux de navigation, pompes de cale, pompes de puisard, commande des ventilateurs de la salle des machines.<br \/>\nb. Surveillance du niveau des r\u00e9servoirs avec alarme de niveau bas pour les r\u00e9servoirs de carburant, d&rsquo;eau et d&rsquo;eaux us\u00e9es.<br \/>\nc. Surveillance de toutes les batteries Alarme de niveau de tension et de basse tension.<br \/>\nd. Surveillance des d\u00e9tecteurs de fum\u00e9e dans les compartiments \u00e9lectriques.<br \/>\ne. D\u00e9marrage\/arr\u00eat des groupes \u00e9lectrog\u00e8nes \u00e0 partir du PH et des appareils mobiles.<br \/>\nf. Surveillance de l&rsquo;\u00e9tat de la tension\/intensit\u00e9 avec alarme de surcharge pour l&rsquo;alimentation \u00e0 quai et le groupe \u00e9lectrog\u00e8ne.<br \/>\ng. Panneau lumineux du pont arri\u00e8re indiquant l&rsquo;\u00e9tat de fonctionnement de l&rsquo;alimentation \u00e0 quai et du syst\u00e8me de charge.<br \/>\nh. Wi-Fi CZone avec \u00e9cran 10 pouces permettant aux appareils mobiles d&rsquo;ex\u00e9cuter toutes les fonctions ci-dessus.<\/p>\n<p>&nbsp;<\/p>\n<p>Salle des machines et \u00e9quipements<\/p>\n<p>Salle des machines avec finition blanche et sol en caoutchouc noir.<br \/>\nMat\u00e9riau d&rsquo;isolation phonique et thermique des cloisons et du plafond.<br \/>\nPorte de salle des machines isol\u00e9e et robuste.<br \/>\nBarre d&rsquo;appui en acier inoxydable de chaque c\u00f4t\u00e9 du moteur.<br \/>\nPlafonniers LED de la salle des machines.<br \/>\nVentilateurs du compartiment moteur (CA et CC).<br \/>\nFiltres antibu\u00e9e de la salle des machines.<br \/>\nCompresseur d&rsquo;air.<\/p>\n<p>&nbsp;<\/p>\n<p>Syst\u00e8me \u00e9lectrique<\/p>\n<p>C\u00e2blage \u00e0 code couleur pour une identification facile.<br \/>\nCoupleur de batterie BEP.<br \/>\nLe tableau \u00e9lectrique principal comprend des disjoncteurs CA et CC.<br \/>\nInterrupteurs et prises d&rsquo;\u00e9clairage VIMAR italiens. Prises doubles CA r\u00e9parties dans tout le bateau, y compris la salle des machines.<br \/>\nProtection diff\u00e9rentielle pour toutes les prises CA ext\u00e9rieures, toilettes, cuisine et salle des machines.<br \/>\nSurveillance 24 V CC.<br \/>\nSyst\u00e8me de liaison par \u00e9lectrolyse.<br \/>\nDeux anodes en zinc sur le tableau arri\u00e8re.<br \/>\nGroupes \u00e9lectrog\u00e8nes ONAN 2 x 29 kW (60 Hz) avec insonorisation.<br \/>\nUn onduleur 3 kW.<br \/>\nTransformateur abaisseur 24 V CC vers 12 V CC 40 A.<br \/>\nUn chargeur de batterie 60 A pour les batteries de d\u00e9marrage du moteur et du g\u00e9n\u00e9rateur.<br \/>\nUn chargeur 80 A avec panneau de commande pour les batteries de service.<br \/>\n4 batteries AGM 255 Ah pour le d\u00e9marrage du moteur et du g\u00e9n\u00e9rateur.<br \/>\n4 batteries AGM 210 Ah pour l&rsquo;alimentation du navire.<br \/>\nS\u00e9lecteur d&rsquo;alimentation CA.<br \/>\nUn c\u00e2ble d&rsquo;alimentation de quai principal Glendinning de 50 A avec c\u00e2ble d&rsquo;alimentation de 23 m et une prise de quai de 50 A avec prise \u00e0 l&rsquo;arri\u00e8re b\u00e2bord. Transformateur ANG12,5 kVA (*2) pour chaque prise de quai de 50 amp\u00e8res (option).<\/p>\n<p>&nbsp;<\/p>\n<p>Syst\u00e8mes m\u00e9caniques<\/p>\n<p>R\u00e9servoirs de carburant en aluminium avec jauges.<br \/>\nDeux filtres \u00e0 carburant\/s\u00e9parateur d&rsquo;eau RACOR 75\/1000 MA pour chaque moteur.<br \/>\nFiltre \u00e0 carburant RACOR 500 MA sur les g\u00e9n\u00e9rateurs.<br \/>\nJauges visuelles robustes pour r\u00e9servoir de carburant avec vanne de r\u00e9gulation \u00e0 fermeture automatique.<br \/>\nSyst\u00e8me de pompe de vidange d&rsquo;huile pour moteurs, engrenages et g\u00e9n\u00e9rateurs.<br \/>\nR\u00e9servoirs d&rsquo;eau en acier inoxydable.<br \/>\nPompe \u00e0 eau douce \u00e0 haut d\u00e9bit CA et une pompe CC de secours.<br \/>\nFiltres \u00e0 charbon actif pour eau douce sur la conduite d&rsquo;alimentation principale.<br \/>\nConduites de qualit\u00e9 marine et tuyauterie \u00e0 code couleur pour le syst\u00e8me d&rsquo;eau douce.<br \/>\nChauffe-eau de 20 gallons (x2).<br \/>\nPompe de circulation d&rsquo;eau chaude.<br \/>\nTuyau d&rsquo;eau douce pour le remplissage des vases d&rsquo;expansion du moteur et du g\u00e9n\u00e9rateur.<br \/>\nLavage manuel de la cha\u00eene d&rsquo;ancre \u00e0 l&rsquo;eau douce et \u00e0 l&rsquo;eau de mer.<br \/>\nLavage du pont arri\u00e8re \u00e0 l&rsquo;eau douce.<br \/>\nR\u00e9servoir \u00e0 eaux noires de 100 gallons en PRV avec pompe de broyage<br \/>\nIndicateurs de niveau \u00e9lectriques pour le r\u00e9servoir \u00e0 eaux noires.<br \/>\nVanne en Y pour vidange du r\u00e9servoir \u00e0 eaux noires \u00e0 quai.<br \/>\nToilettes \u00e0 chasse d&rsquo;eau \u00e9lectrique dans chaque salle d&rsquo;eau.<br \/>\nPompes de puisard pour les \u00e9vacuations par-dessus bord.<br \/>\nPompes de cale \u00e9lectriques.<br \/>\nAlarme de niveau d&rsquo;eau \u00e9lev\u00e9.<br \/>\nPompes de cale manuelles dans la salle des machines (x1) et les cabines avant (x1).<br \/>\nUn ventilateur d&rsquo;\u00e9chappement de cale.<br \/>\nSyst\u00e8me d&rsquo;\u00e9chappement sous-marin pour les moteurs avec silencieux de d\u00e9rivation.<br \/>\nTuyau TRIDENT pour les gaz d&rsquo;\u00e9chappement moteur.<br \/>\nS\u00e9parateur eau\/gaz d&rsquo;\u00e9chappement PRV pour g\u00e9n\u00e9rateur.<br \/>\nCache-tuyaux d&rsquo;\u00e9chappement moteur en acier inoxydable.<br \/>\nUn extincteur automatique\/manuel SEAFIRE pour la salle des machines avec panneau au poste de pilotage.<br \/>\nSyst\u00e8me d&rsquo;arr\u00eat automatique.<br \/>\nSyst\u00e8me de clapet coupe-feu manuel.<br \/>\nEmplacements pour extincteurs portatifs dans des coffres encastr\u00e9s.<br \/>\nD\u00e9tecteur de fum\u00e9e dans chaque zone.<br \/>\nTravaux de tuyauterie trait\u00e9s ignifuges.<br \/>\nSyst\u00e8me de climatisation \u00e0 eau glac\u00e9e MARINE AIR.<br \/>\nPompe de refroidissement d&rsquo;eau de mer pour climatisation de secours (livr\u00e9e s\u00e9par\u00e9ment).<br \/>\nUnit\u00e9s de traitement d&rsquo;air dans tout le bateau.<br \/>\nPropulseur d&rsquo;\u00e9trave hydraulique ABT 38 CV avec variateur de vitesse.<br \/>\nSyst\u00e8me de direction \u00e0 commande \u00e9lectronique Hypro.<br \/>\nArbres d&rsquo;h\u00e9lice en acier inoxydable Aquamet n\u00b0 22HS ou \u00e9quivalent.<br \/>\nH\u00e9lices \u00e0 4 pales haute performance de classe S.<br \/>\nPresse-\u00e9toupes d&rsquo;arbre et de gouvernail avec joints TIDES sans entretien ou \u00e9quivalent.<\/p>\n<p>&nbsp;<\/p>\n<p>\u00c9quipements standard &#8211; Int\u00e9rieur<br \/>\nAm\u00e9nagement standard\u00a0: 3 cabines avec 3 salles d&rsquo;eau et une cabine \u00e9quipage avec salle d&rsquo;eau \u00e0 l&rsquo;arri\u00e8re.<br \/>\nMobilier en bois finition satin\u00e9e.<br \/>\nParquet\u00a0: salon, timonerie, passerelle et escalier.<br \/>\nMoquette standard (fournie localement) dans les cabines, sauf pour l&rsquo;\u00e9quipage.<br \/>\nCadres de lit en bois dans toutes les cabines.<br \/>\nPenderies dans toutes les cabines.<br \/>\nSerrure italienne de haute qualit\u00e9.<br \/>\nBouton-poussoir de haute qualit\u00e9 pour la porte de placard.<br \/>\nToilettes et douches<\/p>\n<p>Lavabo en porcelaine incrust\u00e9 pour chaque salle d&rsquo;eau.<br \/>\nPlan de travail et cr\u00e9dences en marbre ou granit dans toutes les salles d&rsquo;eau.<br \/>\nSols en marbre ou granit dans toutes les salles d&rsquo;eau et salles de douche.<br \/>\nRobinetterie et douche GROHE (norme du chantier naval).<br \/>\nBarre porte-serviettes, anneau porte-serviettes, porte-gobelet et brosse WC pour chaque salle d&rsquo;eau.<br \/>\nMiroir pour chaque salle d&rsquo;eau.<br \/>\nVentilateur d&rsquo;extraction pour chaque salle d&rsquo;eau.<br \/>\nCloisons en bois \u00e0 l&rsquo;avant. Toilettes et parois en PRV dans la salle d&rsquo;eau de l&rsquo;\u00e9quipage.<br \/>\nFinition PRV sans joint dans toutes les douches.<br \/>\nSalle d&rsquo;eau principale avec double vasque et une salle de douche.<br \/>\nPlan de travail et sol en Corian, sol antid\u00e9rapant en PRV dans la salle de douche de l&rsquo;\u00e9quipage.<br \/>\nSalon<\/p>\n<p>Canap\u00e9 en U et deux fauteuils en cuir.<br \/>\nTable basse en bois.<br \/>\nMeuble pour syst\u00e8me de divertissement TV Hi\/Lo.<br \/>\nVitrine.<br \/>\nEscalier reliant la cuisine au coin repas.<br \/>\nCuisine\/D\u00eenette<\/p>\n<p>Sols en marbre\/granit au choix dans la cuisine, de la collection standard.<br \/>\nPlan de travail et dosseret en granit\/Corian\/verre\/quartz au choix dans la collection standard.<br \/>\n\u00c9vier en acier inoxydable avec robinetterie dans l&rsquo;\u00eelot central.<br \/>\nGrands placards de rangement, tiroirs et casiers.<br \/>\nCanap\u00e9-d\u00eenette sur\u00e9lev\u00e9 en cuir en U avec table en bois \u00e0 hauteur fixe.<br \/>\nCabine VIP<\/p>\n<p>Lit queen size.<br \/>\nMatelas \u00e0 ressorts ensach\u00e9s de qualit\u00e9 h\u00f4teli\u00e8re.<br \/>\nT\u00eate de lit.<br \/>\nDeux hublots avec moustiquaires. Penderie pleine hauteur.<br \/>\nSalle de bain et douche enti\u00e8rement \u00e9quip\u00e9es.<br \/>\nCabine invit\u00e9s<\/p>\n<p>Matelas en mousse.<br \/>\nT\u00eate de lit.<br \/>\nUn hublot avec moustiquaire.<br \/>\nPenderie.<br \/>\nDeux couchettes simples avec placard au milieu et deux lampes de lecture.<br \/>\nSalle de bain et douche enti\u00e8rement \u00e9quip\u00e9es.<br \/>\nBureau<\/p>\n<p>Bureau et chaise<br \/>\nCabine propri\u00e9taire<\/p>\n<p>Portes d&rsquo;entr\u00e9e avec motif grav\u00e9 sur bois au sol.<br \/>\nLit king size.<br \/>\nMatelas \u00e0 ressorts ensach\u00e9s de qualit\u00e9 h\u00f4teli\u00e8re.<br \/>\nT\u00eate de lit avec lampes de table.<br \/>\nFen\u00eatres P&amp;S nouvellement con\u00e7ues.<br \/>\nPenderie pleine hauteur.<br \/>\nCoiffeuse avec chaise.<br \/>\nUn coffre-fort.<br \/>\nSalle de bain et douche enti\u00e8rement \u00e9quip\u00e9es.<\/p>\n<p>Quartiers \u00e9quipage<\/p>\n<p>Matelas en mousse.<br \/>\nT\u00eate de lit.<br \/>\nUn hublot avec moustiquaire.<br \/>\nPenderie.<br \/>\nDeux couchettes simples avec placard central et deux lampes de lecture.<br \/>\nParois en bois satin\u00e9, plafond en vinyle, sol stratifi\u00e9 en PVC.<br \/>\n\u00c9clairage<\/p>\n<p>Plafonnier LED.<br \/>\nRubans lumineux LED pour l&rsquo;\u00e9clairage des marches<br \/>\nRubans lumineux LED sous les canap\u00e9s et les lits.<br \/>\n\u00c9clairage indirect sous le volant du salon, des cabines, de la timonerie et de la cuisine.<br \/>\nVariateur d&rsquo;intensit\u00e9 pour les plafonniers LED du salon et de la cabine propri\u00e9taire.<br \/>\nTextiles<\/p>\n<p>Matelas \u00e0 ressorts ensach\u00e9s de qualit\u00e9 h\u00f4teli\u00e8re avec choix de tissus pour couvre-lits, draps-housses, oreillers et taies d&rsquo;oreiller pour les cabines propri\u00e9taire et VIP.<br \/>\nMatelas en mousse avec choix de tissus pour couvre-lits, draps-housses, oreillers et taies d&rsquo;oreiller pour les cabines invit\u00e9s et \u00e9quipage.<br \/>\nTissus SUNBRELLA standard pour les coussins ext\u00e9rieurs.<br \/>\nHousses en toile SUNBRELLA disponibles en standard pour le flybridge, les si\u00e8ges de barre, la banquette arri\u00e8re, le pare-brise, le bain de soleil et la banquette avant.<br \/>\nAppareils \u00e9lectrom\u00e9nagers de la cuisine<\/p>\n<p>R\u00e9frig\u00e9rateur Jenn-Air.<br \/>\nPlaque de cuisson \u00e9lectrique Jenn-Air avec hotte aspirante au-dessus.<br \/>\nFour micro-ondes \u00e0 convection Jenn-Air.<br \/>\nLave-vaisselle Fisher&amp;Paykel.<br \/>\nBroyeur \u00e0 d\u00e9chets.<br \/>\nCompacteur \u00e0 d\u00e9chets.<br \/>\nMachine \u00e0 gla\u00e7ons Raritan dans le salon.<br \/>\nLave-linge et s\u00e8che-linge Miele superpos\u00e9s dans la passerelle du pont inf\u00e9rieur.<\/p>\n<p>Notes sur les performances<br \/>\nGr\u00e2ce \u00e0 ses moteurs CAT C-32 de 1700 ch modernis\u00e9s, il offre d&rsquo;excellentes performances pour un yacht de sa taille\u00a0:<\/p>\n<p>D\u00e9placement et vitesse de croisi\u00e8re<\/p>\n<p>10 n\u0153uds, 28 gal\/h<\/p>\n<p>Vitesse de croisi\u00e8re planante<\/p>\n<p>21 n\u0153uds, 140 gal\/h<\/p>\n<p>Vitesse de pointe<\/p>\n<p>26 n\u0153uds<\/p>\n<\/div>\n<\/div>\n<\/div>\n<div>\n<div class=\"html-content-description\">\n<p><strong>\u00a0<\/strong><\/p>\n<p>&nbsp;<\/p>\n<p><strong><span style=\"color: black;\">AVIS DE NON-RESPONSABILIT\u00c9<\/span><\/strong><\/p>\n<p><strong><span style=\"color: black; font-weight: normal;\">Le bateau qui est pr\u00e9sent\u00e9 sur cette page, l\u2019est uniquement \u00e0 titre d\u2019information et n\u2019est pas n\u00e9cessairement toujours disponible \u00e0 la vente et\/ou \u00e0 la location.<\/span><\/strong><span class=\"apple-converted-space\"><b><span style=\"color: black;\">\u00a0<\/span><\/b><\/span><strong><span style=\"color: black; font-weight: normal;\">Ce bateau est peut-\u00eatre offert sous r\u00e9serve, il faut v\u00e9rifier sa disponibilit\u00e9.<\/span><\/strong><span class=\"apple-converted-space\"><b><span style=\"color: black;\">\u00a0<\/span><\/b><\/span><strong><span style=\"color: black; font-weight: normal;\">\u00a0Ce document ou cette annonce n\u2019est pas contractuel. Les informations sur les bateaux affich\u00e9es dans les r\u00e9sultats ci-dessus sont pr\u00e9sent\u00e9es en toute bonne foi et, bien qu\u2019elles soient consid\u00e9r\u00e9es comme correctes, elles ne sont pas garanties. Ita Yachts Canada ne garantit pas et n\u2019assume aucune responsabilit\u00e9 l\u00e9gale ou responsabilit\u00e9 pour l\u2019exactitude, l\u2019exhaustivit\u00e9 ou l\u2019utilit\u00e9 des informations et\/ou des images affich\u00e9es, car elles peuvent ne pas \u00eatre \u00e0 jour ou encore \u00eatres des images d\u2019un bateau comparable. Toutes les informations sur les bateaux peuvent \u00eatre modifi\u00e9es sans pr\u00e9avis et sont sans garantie.<\/span><\/strong><span class=\"apple-converted-space\"><b><span style=\"color: black;\">\u00a0<\/span><\/b><\/span><strong><span style=\"color: black; font-weight: normal;\">Ce bateau est peut-\u00eatre offert par un autre courtier ouvert au co-courtage (co-brokerage).<\/span><\/strong><\/p>\n<p>&nbsp;<\/p>\n<\/div>\n<div data-test='contact-form'\n\t\t\tid='contact-form-282524'\n\t\t\tclass='jetpack-contact-form-container '\n\t\t\tdata-wp-interactive='jetpack\/form' data-wp-context='{\"formId\":\"282524\",\"formHash\":\"66f2ce621aed53c5b698a5b5ab707add2240ad45\",\"showErrors\":false,\"errors\":[],\"fields\":[],\"isMultiStep\":false,\"useAjax\":false,\"submissionData\":null,\"formattedSubmissionData\":[],\"submissionSuccess\":false,\"submissionError\":null,\"elementId\":\"jp-form-66f2ce621aed53c5b698a5b5ab707add2240ad45\",\"isSingleInputForm\":false,\"isForcedHorizontal\":false}'\n\t\t\tdata-wp-watch--scroll-to-wrapper=\"callbacks.scrollToWrapper\"\n\t\t>\n<div class=\"contact-form-submission contact-form-ajax-submission\" data-wp-bind--aria-hidden=\"state.isSuccessMessageAriaHidden\" data-wp-class--submission-success=\"context.submissionSuccess\" id=\"contact-form-success-66f2ce621aed53c5b698a5b5ab707add2240ad45\" tabindex=\"-1\" aria-labelledby=\"contact-form-success-header-66f2ce621aed53c5b698a5b5ab707add2240ad45\"><p class=\"go-back-message\"><a class=\"link\" role=\"button\" tabindex=\"0\" data-wp-on--click=\"actions.goBack\" href=\"\/fr\/wp-json\/wp\/v2\/listing\/282524\">\u2190 Retour<\/a><\/p><h4 data-wp-bind--aria-hidden=\"state.isSuccessMessageAriaHidden\" id=\"contact-form-success-header-66f2ce621aed53c5b698a5b5ab707add2240ad45\">Merci pour votre r\u00e9ponse. \u2728<\/h4>\n\n<template data-wp-each--submission=\"context.formattedSubmissionData\">\n\t\t\t\t\t<div class=\"jetpack_forms_contact-form-success-summary\">\n\t\t\t\t\t\t<div class=\"field-name-wrapper\">\n\t\t\t\t\t\t\t<div class=\"field-type-icon\" data-wp-watch=\"callbacks.watchFieldTypeIcon\"><\/div>\n\t\t\t\t\t\t\t<div class=\"field-name\" data-wp-text=\"context.submission.label\" data-wp-bind--hidden=\"!context.submission.label\"><\/div>\n\t\t\t\t\t\t<\/div>\n\t\t\t\t\t\t<div class=\"field-value\" data-wp-text=\"context.submission.value\" data-wp-bind--hidden=\"!context.submission.showPlainValue\"><\/div>\n\t\t\t\t\t\t<a class=\"field-url\" data-wp-bind--href=\"context.submission.url\" data-wp-text=\"context.submission.value\" data-wp-bind--hidden=\"!context.submission.url\" target=\"_blank\" rel=\"noopener noreferrer\"><\/a>\n\t\t\t\t\t\t<div class=\"field-rating\" data-wp-bind--hidden=\"!context.submission.rating\" data-wp-watch=\"callbacks.watchRatingIcons\"><\/div>\n\t\t\t\t\t\t<div class=\"field-images\" data-wp-bind--hidden=\"!context.submission.images\">\n\t\t\t\t\t\t\t<template data-wp-each--image=\"context.submission.images\">\n\t\t\t\t\t\t\t\t<div class=\"field-image-option\" data-wp-class--is-empty=\"!context.image.src\">\n\t\t\t\t\t\t\t\t\t<figure class=\"field-image-option__image\" data-wp-class--is-empty=\"!context.image.src\">\n\t\t\t\t\t\t\t\t\t\t<img data-wp-bind--src=\"context.image.src\" data-wp-bind--hidden=\"!context.image.src\" \/>\n\t\t\t\t\t\t\t\t\t\t<img decoding=\"async\" src=\"data:image\/gif;base64,R0lGODlhAQABAAD\/ACwAAAAAAQABAAACADs=\" data-wp-bind--hidden=\"context.image.src\" \/>\n\t\t\t\t\t\t\t\t\t<\/figure>\n\t\t\t\t\t\t\t\t\t<div class=\"field-image-option__label-wrapper\">\n\t\t\t\t\t\t\t\t\t\t<span class=\"field-image-option__label-code\" data-wp-text=\"context.image.letterCode\"><\/span>\n\t\t\t\t\t\t\t\t\t\t<span class=\"field-image-option__label\" data-wp-text=\"context.image.label\" data-wp-bind--hidden=\"!context.image.label\"><\/span>\n\t\t\t\t\t\t\t\t\t<\/div>\n\t\t\t\t\t\t\t\t<\/div>\n\t\t\t\t\t\t\t<\/template>\n\t\t\t\t\t\t<\/div>\n\t\t\t\t\t\t<div class=\"field-files\" data-wp-bind--hidden=\"!context.submission.files\">\n\t\t\t\t\t\t\t<template data-wp-each--file=\"context.submission.files\">\n\t\t\t\t\t\t\t\t<div class=\"field-file\">\n\t\t\t\t\t\t\t\t\t<div class=\"field-file__thumbnail\" data-wp-style--background-image=\"context.file.previewUrl\" data-wp-style--mask-image=\"context.file.iconUrl\" data-wp-bind--hidden=\"!context.file.hasPreview\"><\/div>\n\t\t\t\t\t\t\t\t\t<svg class=\"field-file__icon\" data-wp-bind--hidden=\"context.file.hasPreview\" width=\"20\" height=\"20\" viewBox=\"0 0 24 24\" fill=\"none\" xmlns=\"http:\/\/www.w3.org\/2000\/svg\" aria-hidden=\"true\">\n\t\t\t\t\t\t\t\t\t\t<path d=\"M14 2H6C4.9 2 4 2.9 4 4V20C4 21.1 4.89 22 5.99 22H18C19.1 22 20 21.1 20 20V8L14 2ZM18 20H6V4H13V9H18V20Z\" fill=\"currentColor\"\/>\n\t\t\t\t\t\t\t\t\t<\/svg>\n\t\t\t\t\t\t\t\t\t<span class=\"field-file__name\" data-wp-text=\"context.file.name\"><\/span>\n\t\t\t\t\t\t\t\t\t<span class=\"field-file__size\" data-wp-text=\"context.file.size\"><\/span>\n\t\t\t\t\t\t\t\t<\/div>\n\t\t\t\t\t\t\t<\/template>\n\t\t\t\t\t\t<\/div>\n\t\t\t\t\t<\/div>\n\t\t\t\t<\/template><\/div><form action='https:\/\/itayachtscanada.com\/fr\/listing\/horizon-e81-2022-4699000-usd-for-sale\/'\n\t\t\t\tid='jp-form-66f2ce621aed53c5b698a5b5ab707add2240ad45'\n\t\t\t\tmethod='post'\n\t\t\t\tclass='contact-form commentsblock jetpack-contact-form__form has-no-jetpack-form-layout' aria-label=\"{:en}Horizon E81 2022 $4,699,000 usd for sale{:}{:fr}Horizon E81 2022 $4,699,000 usd \u00e0 vendre{:}\"\n\t\t\t\tdata-wp-on--submit=\"actions.onFormSubmit\"\n\t\t\t\tdata-wp-on--reset=\"actions.onFormReset\"\n\t\t\t\tdata-wp-class--submission-success=\"context.submissionSuccess\"\n\t\t\t\tdata-wp-class--is-first-step=\"state.isFirstStep\"\n\t\t\t\tdata-wp-class--is-last-step=\"state.isLastStep\"\n\t\t\t\tdata-wp-class--is-ajax-form=\"context.useAjax\"\n\t\t\t\tnovalidate >\n<input type='hidden' name='jetpack_contact_form_jwt' value='eyJ0eXAiOiJKV1QiLCJhbGciOiJIUzI1NiJ9.eyJlbmNyeXB0ZWRfYXR0cmlidXRlcyI6IjF0WEswL2hJZzBvZ0RIc0toZXZmQmdTcytPZ1c0T3d5bkoza3lwSTE3Tm1jZGdWYnN4eU9XNTNYYWM2WlRTM3I1cFNNZjdEVEF3NklNQ1JvYjQ5ZW5MTFJWQXNHWXZqZi85UktHVXFUTUFEQ3JZU2UvSzlpMHhuaDBEeVhVY0NlU21kUmJLY0R6Mjg2bFFGajJmTUwvVWJOVU83THpSRi92Q1FlWlVMd3JZaXA1UU5TQ3hYdkVtWDRlZW5uc1ZoZFFKd01mVy9Udy9tbG8zdThvcjJnM0pwTE1iWDI2UmNpNWFCLzhGMTZteUx2RVJYVkE4UkgzVzgrVDlRbFZMaUVFZFZwUWhvSGFURzlJWjhJVXhDSjVVNzNzWDZaQmMrQW1GaHZrVUV4akJjZWkvQzQzeWFVblA2K3VPZmhWbk5jZ3ViU0JnYWkrZjFCUnRZdmxPbDNlbFZNK0tmc0ZROXEzTEdyTGlzY3FoTGI0QUQxdGRjcjFQUVF4VGd3WldrdHJWQlJ4aitLWTM1MjF3VjVyYUx3ZC9MN3Z1SzJ3SG5qL0hxNEVYcnI3VnZ1VU90eGJPUCtpNng5djhlQklNZElxUU43cVJXZWlFZWJUS1NYaitnS0xxcXVuU05wcUJ4L1pDNGwyTmhoeUoxQjl2K0J5M1hSdTljdFMvb2drQk9BcFRkWEtlYlZjcHo1a3BOcHpmek1yRTBnZFFjRHRVSFBYbEJKYlVva1hFZ1drSnRyaUZnb05Jb1E3N0hXYTdzYXIxRC9pbDUrTXU4SCs2RERWWGgzay9rUFg3T3ZUWERzZytHN2krT2ZKZmJoNU5LMmFKSjREQTZmOU51TWlhMjY2dFp3cmxoQ25uQVdvZXpSYlpXWkhFbERvc1BVdldydnFBbXNJZ2xaL280RjRJNlFVRkROUGZTL3Z1VTY2QTgrSG9CQ2ttR1NmTnUyc3RQaDdiRmdYZjVCR1phcVVSYWhZVnc5dURWN25sbWJ0bjdadENJZi8rb0hxNWpoUDJCc0daOU94aVBkUEtja2V6T2xrUWY0NDNySDNFaUF5T0VEZkI4SXlBenVIZ0pNVk4rM0wzNi9HeWwzamoxNnFtQjlBUW9KaHRJTm5LS3V3WlZUYTh0Um9haUp3aHVRcVhRLzE2RXFyQi96RTE4N21Faks0VDcvVElJZEJKSERYQ1R3UC9LWlNJZkFxeGdwRDZOcW1ManJKNXpXSy91bVVDeU9SeTFtQTMybksrVVZ5QmEzczFTRzIvbk00L0JzUUE9PSIsImNvbnRlbnQiOiJbY29udGFjdC1maWVsZCBsYWJlbD1cIk5vbTpcIiB0eXBlPVwibmFtZVwiIHJlcXVpcmVkPVwiMVwiXVtjb250YWN0LWZpZWxkIGxhYmVsPVwiRS1tYWlsXCIgdHlwZT1cImVtYWlsXCIgcmVxdWlyZWQ9XCIxXCJdW2NvbnRhY3QtZmllbGQgbGFiZWw9XCJBdSBzdWpldCBkZSBjZSB5YWNodDogXCIgdHlwZT1cInRleHRcIl1bY29udGFjdC1maWVsZCBsYWJlbD1cIk1lc3NhZ2VcIiB0eXBlPVwidGV4dGFyZWFcIl0iLCJoYXNoIjoiNjZmMmNlNjIxYWVkNTNjNWI2OThhNWI1YWI3MDdhZGQyMjQwYWQ0NSIsInNvdXJjZSI6eyJlbnRyeV90aXRsZSI6Ikhvcml6b24gRTgxIDIwMjIgJDQsNjk5LDAwMCB1c2QgXHUwMGUwIHZlbmRyZSIsImVudHJ5X3BhZ2UiOjEsInNvdXJjZV9pZCI6MjgyNTI0LCJzb3VyY2VfdHlwZSI6InNpbmdsZSIsInJlcXVlc3RfdXJsIjoiaHR0cHM6Ly9pdGF5YWNodHNjYW5hZGEuY29tL2ZyL3dwLWpzb24vd3AvdjIvbGlzdGluZy8yODI1MjQifSwidmVyc2lvbiI6MiwiY2lwaGVyIjoiYWVzLTI1Ni1nY20ifQ.IfOXvOwU6iTTIGUGKlx_mKixuy-sB4tLMV9tJMUY0BU' \/>\n\n<div style=\"\"  data-wp-interactive=\"jetpack\/form\" data-wp-context='{\"fieldId\":\"g282524-nom\",\"fieldType\":\"name\",\"fieldLabel\":\"Nom:\",\"fieldValue\":\"\",\"fieldPlaceholder\":\"\",\"fieldIsRequired\":\"1\",\"fieldErrorMessage\":\"\",\"fieldExtra\":[],\"formHash\":\"66f2ce621aed53c5b698a5b5ab707add2240ad45\"}'  class='grunion-field-name-wrap grunion-field-wrap'  data-wp-init='callbacks.initializeField' data-wp-on--jetpack-form-reset='callbacks.initializeField' >\n<label\n\t\t\t\tfor='g282524-nom' class=\"grunion-field-label name\" >Nom:<span class=\"grunion-label-required\" aria-hidden=\"true\">(obligatoire)<\/span><\/label>\n<input\n\t\t\t\t\ttype='text'\n\t\t\t\t\tname='g282524-nom'\n\t\t\t\t\tid='g282524-nom'\n\t\t\t\t\tvalue=''\n\n\t\t\t\t\tdata-wp-bind--aria-invalid='state.fieldAriaInvalid'\n\t\t\t\t\tdata-wp-bind--value='state.getFieldValue'\n\t\t\t\t\taria-describedby='g282524-nom-text-error-message'\n\t\t\t\t\tdata-wp-on--input='actions.onFieldChange'\n\t\t\t\t\tdata-wp-on--blur='actions.onFieldBlur'\n\t\t\t\t\tdata-wp-class--has-value='state.hasFieldValue'\n\n\t\t\t\t\tclass='name  grunion-field' \n\t\t\t\t\trequired='true' aria-required='true'  \/>\n \n\t\t\t<div id=\"g282524-nom-text-error\" class=\"contact-form__input-error\" data-wp-class--has-errors=\"state.fieldHasErrors\">\n\t\t\t\t<span class=\"contact-form__warning-icon\" aria-hidden=\"true\">\n\t\t\t\t\t<svg width=\"16\" height=\"16\" viewBox=\"0 0 16 16\" fill=\"none\" xmlns=\"http:\/\/www.w3.org\/2000\/svg\">\n\t\t\t\t\t\t<path d=\"M8.50015 11.6402H7.50015V10.6402H8.50015V11.6402Z\" \/>\n\t\t\t\t\t\t<path d=\"M7.50015 9.64018H8.50015V6.30684H7.50015V9.64018Z\" \/>\n\t\t\t\t\t\t<path fill-rule=\"evenodd\" clip-rule=\"evenodd\" d=\"M6.98331 3.0947C7.42933 2.30177 8.57096 2.30177 9.01698 3.09469L13.8771 11.7349C14.3145 12.5126 13.7525 13.4735 12.8602 13.4735H3.14004C2.24774 13.4735 1.68575 12.5126 2.12321 11.7349L6.98331 3.0947ZM8.14541 3.58496C8.08169 3.47168 7.9186 3.47168 7.85488 3.58496L2.99478 12.2251C2.93229 12.3362 3.01257 12.4735 3.14004 12.4735H12.8602C12.9877 12.4735 13.068 12.3362 13.0055 12.2251L8.14541 3.58496Z\" \/>\n\t\t\t\t\t<\/svg>\n\t\t\t\t<\/span>\n\t\t\t\t<span data-wp-text=\"state.errorMessage\" id=\"g282524-nom-text-error-message\"><\/span>\n\t\t\t<\/div> \n\t<\/div>\n\n<div style=\"\"  data-wp-interactive=\"jetpack\/form\" data-wp-context='{\"fieldId\":\"g282524-email\",\"fieldType\":\"email\",\"fieldLabel\":\"E-mail\",\"fieldValue\":\"\",\"fieldPlaceholder\":\"\",\"fieldIsRequired\":\"1\",\"fieldErrorMessage\":\"\",\"fieldExtra\":[],\"formHash\":\"66f2ce621aed53c5b698a5b5ab707add2240ad45\"}'  class='grunion-field-email-wrap grunion-field-wrap'  data-wp-init='callbacks.initializeField' data-wp-on--jetpack-form-reset='callbacks.initializeField' >\n<label\n\t\t\t\tfor='g282524-email' class=\"grunion-field-label email\" >E-mail<span class=\"grunion-label-required\" aria-hidden=\"true\">(obligatoire)<\/span><\/label>\n<input\n\t\t\t\t\ttype='email'\n\t\t\t\t\tname='g282524-email'\n\t\t\t\t\tid='g282524-email'\n\t\t\t\t\tvalue=''\n\n\t\t\t\t\tdata-wp-bind--aria-invalid='state.fieldAriaInvalid'\n\t\t\t\t\tdata-wp-bind--value='state.getFieldValue'\n\t\t\t\t\taria-describedby='g282524-email-email-error-message'\n\t\t\t\t\tdata-wp-on--input='actions.onFieldChange'\n\t\t\t\t\tdata-wp-on--blur='actions.onFieldBlur'\n\t\t\t\t\tdata-wp-class--has-value='state.hasFieldValue'\n\n\t\t\t\t\tclass='email  grunion-field' \n\t\t\t\t\trequired='true' aria-required='true'  \/>\n \n\t\t\t<div id=\"g282524-email-email-error\" class=\"contact-form__input-error\" data-wp-class--has-errors=\"state.fieldHasErrors\">\n\t\t\t\t<span class=\"contact-form__warning-icon\" aria-hidden=\"true\">\n\t\t\t\t\t<svg width=\"16\" height=\"16\" viewBox=\"0 0 16 16\" fill=\"none\" xmlns=\"http:\/\/www.w3.org\/2000\/svg\">\n\t\t\t\t\t\t<path d=\"M8.50015 11.6402H7.50015V10.6402H8.50015V11.6402Z\" \/>\n\t\t\t\t\t\t<path d=\"M7.50015 9.64018H8.50015V6.30684H7.50015V9.64018Z\" \/>\n\t\t\t\t\t\t<path fill-rule=\"evenodd\" clip-rule=\"evenodd\" d=\"M6.98331 3.0947C7.42933 2.30177 8.57096 2.30177 9.01698 3.09469L13.8771 11.7349C14.3145 12.5126 13.7525 13.4735 12.8602 13.4735H3.14004C2.24774 13.4735 1.68575 12.5126 2.12321 11.7349L6.98331 3.0947ZM8.14541 3.58496C8.08169 3.47168 7.9186 3.47168 7.85488 3.58496L2.99478 12.2251C2.93229 12.3362 3.01257 12.4735 3.14004 12.4735H12.8602C12.9877 12.4735 13.068 12.3362 13.0055 12.2251L8.14541 3.58496Z\" \/>\n\t\t\t\t\t<\/svg>\n\t\t\t\t<\/span>\n\t\t\t\t<span data-wp-text=\"state.errorMessage\" id=\"g282524-email-email-error-message\"><\/span>\n\t\t\t<\/div> \n\t<\/div>\n\n<div style=\"\"  data-wp-interactive=\"jetpack\/form\" data-wp-context='{\"fieldId\":\"g282524-ausujetdeceyacht\",\"fieldType\":\"text\",\"fieldLabel\":\"Au sujet de ce yacht: \",\"fieldValue\":\"\",\"fieldPlaceholder\":\"\",\"fieldIsRequired\":\"\",\"fieldErrorMessage\":\"\",\"fieldExtra\":[],\"formHash\":\"66f2ce621aed53c5b698a5b5ab707add2240ad45\"}'  class='grunion-field-text-wrap grunion-field-wrap'  data-wp-init='callbacks.initializeField' data-wp-on--jetpack-form-reset='callbacks.initializeField' >\n<label\n\t\t\t\tfor='g282524-ausujetdeceyacht' class=\"grunion-field-label text\" >Au sujet de ce yacht: <\/label>\n<input\n\t\t\t\t\ttype='text'\n\t\t\t\t\tname='g282524-ausujetdeceyacht'\n\t\t\t\t\tid='g282524-ausujetdeceyacht'\n\t\t\t\t\tvalue=''\n\n\t\t\t\t\tdata-wp-bind--aria-invalid='state.fieldAriaInvalid'\n\t\t\t\t\tdata-wp-bind--value='state.getFieldValue'\n\t\t\t\t\taria-describedby='g282524-ausujetdeceyacht-text-error-message'\n\t\t\t\t\tdata-wp-on--input='actions.onFieldChange'\n\t\t\t\t\tdata-wp-on--blur='actions.onFieldBlur'\n\t\t\t\t\tdata-wp-class--has-value='state.hasFieldValue'\n\n\t\t\t\t\tclass='text  grunion-field' \n\t\t\t\t\t \/>\n \n\t\t\t<div id=\"g282524-ausujetdeceyacht-text-error\" class=\"contact-form__input-error\" data-wp-class--has-errors=\"state.fieldHasErrors\">\n\t\t\t\t<span class=\"contact-form__warning-icon\" aria-hidden=\"true\">\n\t\t\t\t\t<svg width=\"16\" height=\"16\" viewBox=\"0 0 16 16\" fill=\"none\" xmlns=\"http:\/\/www.w3.org\/2000\/svg\">\n\t\t\t\t\t\t<path d=\"M8.50015 11.6402H7.50015V10.6402H8.50015V11.6402Z\" \/>\n\t\t\t\t\t\t<path d=\"M7.50015 9.64018H8.50015V6.30684H7.50015V9.64018Z\" \/>\n\t\t\t\t\t\t<path fill-rule=\"evenodd\" clip-rule=\"evenodd\" d=\"M6.98331 3.0947C7.42933 2.30177 8.57096 2.30177 9.01698 3.09469L13.8771 11.7349C14.3145 12.5126 13.7525 13.4735 12.8602 13.4735H3.14004C2.24774 13.4735 1.68575 12.5126 2.12321 11.7349L6.98331 3.0947ZM8.14541 3.58496C8.08169 3.47168 7.9186 3.47168 7.85488 3.58496L2.99478 12.2251C2.93229 12.3362 3.01257 12.4735 3.14004 12.4735H12.8602C12.9877 12.4735 13.068 12.3362 13.0055 12.2251L8.14541 3.58496Z\" \/>\n\t\t\t\t\t<\/svg>\n\t\t\t\t<\/span>\n\t\t\t\t<span data-wp-text=\"state.errorMessage\" id=\"g282524-ausujetdeceyacht-text-error-message\"><\/span>\n\t\t\t<\/div> \n\t<\/div>\n\n<div style=\"\"  data-wp-interactive=\"jetpack\/form\" data-wp-context='{\"fieldId\":\"g282524-message\",\"fieldType\":\"textarea\",\"fieldLabel\":\"Message\",\"fieldValue\":\"\",\"fieldPlaceholder\":\"\",\"fieldIsRequired\":\"\",\"fieldErrorMessage\":\"\",\"fieldExtra\":[],\"formHash\":\"66f2ce621aed53c5b698a5b5ab707add2240ad45\"}'  class='grunion-field-textarea-wrap grunion-field-wrap'  data-wp-init='callbacks.initializeField' data-wp-on--jetpack-form-reset='callbacks.initializeField' >\n<label\n\t\t\t\tfor='contact-form-comment-g282524-message' class=\"grunion-field-label textarea\" >Message<\/label>\n<textarea\n\t\t                style=''\n\t\t                name='g282524-message'\n\t\t                id='contact-form-comment-g282524-message'\n\t\t                rows='20'\n\t\t\t\t\t\tdata-wp-text='state.getFieldValue'\n\t\t\t\t\t\tdata-wp-on--input='actions.onFieldChange'\n\t\t\t\t\t\tdata-wp-on--blur='actions.onFieldBlur'\n\t\t\t\t\t\tdata-wp-class--has-value='state.hasFieldValue'\n\t\t\t\t\t\taria-describedby='g282524-message-textarea-error-message'\n\t\t\t\t\t\tdata-wp-bind--aria-invalid='state.fieldAriaInvalid'\n\t\t\t\t\t\tclass='textarea  grunion-field'  ><\/textarea>\n \n\t\t\t<div id=\"g282524-message-textarea-error\" class=\"contact-form__input-error\" data-wp-class--has-errors=\"state.fieldHasErrors\">\n\t\t\t\t<span class=\"contact-form__warning-icon\" aria-hidden=\"true\">\n\t\t\t\t\t<svg width=\"16\" height=\"16\" viewBox=\"0 0 16 16\" fill=\"none\" xmlns=\"http:\/\/www.w3.org\/2000\/svg\">\n\t\t\t\t\t\t<path d=\"M8.50015 11.6402H7.50015V10.6402H8.50015V11.6402Z\" \/>\n\t\t\t\t\t\t<path d=\"M7.50015 9.64018H8.50015V6.30684H7.50015V9.64018Z\" \/>\n\t\t\t\t\t\t<path fill-rule=\"evenodd\" clip-rule=\"evenodd\" d=\"M6.98331 3.0947C7.42933 2.30177 8.57096 2.30177 9.01698 3.09469L13.8771 11.7349C14.3145 12.5126 13.7525 13.4735 12.8602 13.4735H3.14004C2.24774 13.4735 1.68575 12.5126 2.12321 11.7349L6.98331 3.0947ZM8.14541 3.58496C8.08169 3.47168 7.9186 3.47168 7.85488 3.58496L2.99478 12.2251C2.93229 12.3362 3.01257 12.4735 3.14004 12.4735H12.8602C12.9877 12.4735 13.068 12.3362 13.0055 12.2251L8.14541 3.58496Z\" \/>\n\t\t\t\t\t<\/svg>\n\t\t\t\t<\/span>\n\t\t\t\t<span data-wp-text=\"state.errorMessage\" id=\"g282524-message-textarea-error-message\"><\/span>\n\t\t\t<\/div>\n\t<\/div>\n\t<p class='contact-submit'>\n<div class=\"contact-form__error\" data-wp-class--show-errors=\"state.showFormErrors\"><span class=\"contact-form__warning-icon\" aria-hidden=\"true\"><i><\/i><\/span><span class=\"contact-form__error-message\" tabindex=\"-1\" data-wp-watch=\"callbacks.focusOnValidationError\" data-wp-text=\"state.getFormErrorMessage\"><\/span><ul aria-label=\"Erreurs de formulaire\">\n\t\t\t\t<template data-wp-each=\"state.getErrorList\" data-wp-key=\"context.item.id\">\n\t\t\t\t\t<li><a data-wp-bind--href=\"context.item.anchor\" data-wp-on--click=\"actions.scrollIntoView\" data-wp-text=\"context.item.label\"><\/a><\/li>\n\t\t\t\t<\/template>\n\t\t\t\t<\/ul><\/div><div class=\"contact-form__error\" data-wp-class--show-errors=\"state.showSubmissionError\" data-wp-text=\"context.submissionError\" tabindex=\"-1\" data-wp-watch=\"callbacks.focusOnSubmissionError\"><\/div>\t\t<button type='submit' class='pushbutton-wide'>Envoyer<\/button>\t\t<input type='hidden' name='contact-form-id' value='282524' \/>\n\t\t<input type='hidden' name='action' value='grunion-contact-form' \/>\n\t\t<input type='hidden' name='contact-form-hash' value='66f2ce621aed53c5b698a5b5ab707add2240ad45' \/>\n\t<\/p>\n<p style=\"display: none !important;\" class=\"akismet-fields-container\" data-prefix=\"ak_\"><label>&#916;<textarea name=\"ak_hp_textarea\" cols=\"45\" rows=\"8\" maxlength=\"100\"><\/textarea><\/label><input type=\"hidden\" id=\"ak_js_1\" name=\"ak_js\" value=\"134\"\/><script type=\"text\/javascript\">\n\/* <![CDATA[ *\/\ndocument.getElementById( \"ak_js_1\" ).setAttribute( \"value\", ( new Date() ).getTime() );\n\/* ]]> *\/\n<\/script>\n<\/p><\/form>\n<\/div>\n<p>&nbsp;<\/p>\n<p>&nbsp;<\/p>\n<\/div>\n","protected":false},"excerpt":{"rendered":"<p>OFF MARKET (pr\u00e9sentement retir\u00e9 de la vente) Horizon E81 2022 $4,699,000 usd \u00e0 vendre NOUVEAUT\u00c9 SUR LE MARCH\u00c9\u00a0! Bienvenue \u00e0 bord du magnifique Horizon E81 VALIANT, un yacht \u00e9poustouflant, enti\u00e8rement r\u00e9nov\u00e9 et personnalis\u00e9 par des plaisanciers exp\u00e9riment\u00e9s, en \u00e9troite collaboration avec l&rsquo;\u00e9quipe de conception d&rsquo;Horizon. Loin d&rsquo;un yacht de s\u00e9rie standard, le VALIANT pr\u00e9sente de &hellip; <a href=\"https:\/\/itayachtscanada.com\/fr\/listing\/horizon-e81-2022-4699000-usd-for-sale\/\" class=\"more-link\">Lire la suite <span class=\"screen-reader-text\">Horizon E81 2022 $4,699,000 usd \u00e0 vendre<\/span> <span class=\"meta-nav\">&rarr;<\/span><\/a><\/p>\n","protected":false},"author":119081455,"featured_media":282528,"parent":0,"menu_order":0,"comment_status":"open","ping_status":"open","template":"","format":"standard","meta":{"_coblocks_attr":"","_coblocks_dimensions":"","_coblocks_responsive_height":"","_coblocks_accordion_ie_support":"","_lmt_disableupdate":"no","_lmt_disable":"no","advanced_seo_description":"","jetpack_seo_html_title":"","jetpack_seo_noindex":false,"footnotes":""},"manufacturer":[6473],"prix":[6738],"years":[6482],"length_feet":[6590],"boat_type":[6464,6466],"price_range":[6581],"localisations":[],"numyacht":[10540,11121],"datevente":[10539,10651,10883,11119,11227],"country":[10755],"states":[10770],"city":[10842],"fresh-water-boat":[10809],"broker":[],"migration":[10888],"class_list":["post-282524","listing","type-listing","status-publish","format-standard","has-post-thumbnail","hentry","manufacturer-horizon","prix-6738","years-6482","length_feet-between-80-and-89-feets","boat_type-flybridge","boat_type-megayacht","price_range-3000000-4999999","numyacht-10540","numyacht-11121","datevente-2025-07-25","datevente-2025-09-20","datevente-2025-11-16","datevente-2026-01-14","datevente-2026-03-14","country-united-states","states-floride","city-miami-beach","fresh-water-boat-non","migration-non"],"translation":{"provider":"WPGlobus","version":"2.12.2","language":"fr","enabled_languages":["en","fr"],"languages":{"en":{"title":true,"content":true,"excerpt":false},"fr":{"title":true,"content":true,"excerpt":false}}},"jetpack_likes_enabled":true,"jetpack_sharing_enabled":true,"_links":{"self":[{"href":"https:\/\/itayachtscanada.com\/fr\/wp-json\/wp\/v2\/listing\/282524","targetHints":{"allow":["GET"]}}],"collection":[{"href":"https:\/\/itayachtscanada.com\/fr\/wp-json\/wp\/v2\/listing"}],"about":[{"href":"https:\/\/itayachtscanada.com\/fr\/wp-json\/wp\/v2\/types\/listing"}],"author":[{"embeddable":true,"href":"https:\/\/itayachtscanada.com\/fr\/wp-json\/wp\/v2\/users\/119081455"}],"replies":[{"embeddable":true,"href":"https:\/\/itayachtscanada.com\/fr\/wp-json\/wp\/v2\/comments?post=282524"}],"version-history":[{"count":13,"href":"https:\/\/itayachtscanada.com\/fr\/wp-json\/wp\/v2\/listing\/282524\/revisions"}],"predecessor-version":[{"id":300277,"href":"https:\/\/itayachtscanada.com\/fr\/wp-json\/wp\/v2\/listing\/282524\/revisions\/300277"}],"wp:featuredmedia":[{"embeddable":true,"href":"https:\/\/itayachtscanada.com\/fr\/wp-json\/wp\/v2\/media\/282528"}],"wp:attachment":[{"href":"https:\/\/itayachtscanada.com\/fr\/wp-json\/wp\/v2\/media?parent=282524"}],"wp:term":[{"taxonomy":"manufacturer","embeddable":true,"href":"https:\/\/itayachtscanada.com\/fr\/wp-json\/wp\/v2\/manufacturer?post=282524"},{"taxonomy":"prix","embeddable":true,"href":"https:\/\/itayachtscanada.com\/fr\/wp-json\/wp\/v2\/prix?post=282524"},{"taxonomy":"years","embeddable":true,"href":"https:\/\/itayachtscanada.com\/fr\/wp-json\/wp\/v2\/years?post=282524"},{"taxonomy":"length_feet","embeddable":true,"href":"https:\/\/itayachtscanada.com\/fr\/wp-json\/wp\/v2\/length_feet?post=282524"},{"taxonomy":"boat_type","embeddable":true,"href":"https:\/\/itayachtscanada.com\/fr\/wp-json\/wp\/v2\/boat_type?post=282524"},{"taxonomy":"price_range","embeddable":true,"href":"https:\/\/itayachtscanada.com\/fr\/wp-json\/wp\/v2\/price_range?post=282524"},{"taxonomy":"localisations","embeddable":true,"href":"https:\/\/itayachtscanada.com\/fr\/wp-json\/wp\/v2\/localisations?post=282524"},{"taxonomy":"numyacht","embeddable":true,"href":"https:\/\/itayachtscanada.com\/fr\/wp-json\/wp\/v2\/numyacht?post=282524"},{"taxonomy":"datevente","embeddable":true,"href":"https:\/\/itayachtscanada.com\/fr\/wp-json\/wp\/v2\/datevente?post=282524"},{"taxonomy":"country","embeddable":true,"href":"https:\/\/itayachtscanada.com\/fr\/wp-json\/wp\/v2\/country?post=282524"},{"taxonomy":"states","embeddable":true,"href":"https:\/\/itayachtscanada.com\/fr\/wp-json\/wp\/v2\/states?post=282524"},{"taxonomy":"city","embeddable":true,"href":"https:\/\/itayachtscanada.com\/fr\/wp-json\/wp\/v2\/city?post=282524"},{"taxonomy":"fresh-water-boat","embeddable":true,"href":"https:\/\/itayachtscanada.com\/fr\/wp-json\/wp\/v2\/fresh-water-boat?post=282524"},{"taxonomy":"broker","embeddable":true,"href":"https:\/\/itayachtscanada.com\/fr\/wp-json\/wp\/v2\/broker?post=282524"},{"taxonomy":"migration","embeddable":true,"href":"https:\/\/itayachtscanada.com\/fr\/wp-json\/wp\/v2\/migration?post=282524"}],"curies":[{"name":"wp","href":"https:\/\/api.w.org\/{rel}","templated":true}]}}