{"id":281456,"date":"2025-07-22T15:29:50","date_gmt":"2025-07-22T19:29:50","guid":{"rendered":"https:\/\/itayachtscanada.com\/?post_type=listing&#038;p=281456"},"modified":"2026-03-10T16:24:21","modified_gmt":"2026-03-10T20:24:21","slug":"princess-y72-m-y-2024-4695000-usd-for-sale","status":"publish","type":"listing","link":"https:\/\/itayachtscanada.com\/fr\/listing\/princess-y72-m-y-2024-4695000-usd-for-sale\/","title":{"rendered":"Princess Y72 M\/Y 2024 $4,695,000 usd \u00e0 vendre"},"content":{"rendered":"<p>OFF MARKET (pr\u00e9sentement retir\u00e9 de la vente)<\/p>\n<p><strong>Princess Y72 M\/Y 2024 $4,695,000 usd \u00e0 vendre<\/strong><\/p>\n<p>2024 Princess Y72 \u00ab Sea-Quel \u00bb est un bateau qui se d\u00e9marque dans sa cat\u00e9gorie, mettant en valeur le savoir-faire britannique, la pr\u00e9cision de l&rsquo;ing\u00e9nierie et la sophistication du design qui d\u00e9finissent le pedigree de Princess Yachts. Il s&rsquo;agit d&rsquo;un bateau \u00e0 propri\u00e9taire unique, soigneusement \u00e9quip\u00e9 et exceptionnellement entretenu depuis sa livraison. Il est propuls\u00e9 par deux moteurs MAN V12 de 1650 CV, offrant une performance assur\u00e9e, une maniabilit\u00e9 r\u00e9active et des capacit\u00e9s de croisi\u00e8re efficaces. Le confort \u00e0 bord est am\u00e9lior\u00e9 par la stabilisation Sleipner Vector Fin, qui assure une navigation remarquablement douce et silencieuse, aussi bien en route qu&rsquo;au mouillage. Chaque aspect du \u00ab Sea-Quel \u00bb a \u00e9t\u00e9 soigneusement configur\u00e9 pour am\u00e9liorer l&rsquo;exp\u00e9rience \u00e0 bord, qu&rsquo;il s&rsquo;agisse de naviguer sur de longues distances ou de passer de longs moments \u00e0 bord avec des amis et la famille.<\/p>\n<p>\u00c0 bord, \u00ab Sea-Quel \u00bb pr\u00e9sente un niveau impressionnant de personnalisation et de technologie, allant d&rsquo;une suite de navigation Garmin enti\u00e8rement mise \u00e0 jour et d&rsquo;un syst\u00e8me de cam\u00e9ra Garmin Surround View \u00e0 un syst\u00e8me audiovisuel Naim multizone immersif avec des t\u00e9l\u00e9viseurs dans chaque cabine et chaque zone de divertissement. L&rsquo;int\u00e9rieur est fini en noyer satin\u00e9 avec des surfaces haut de gamme partout, y compris des sols en Carrara White dans les salles de bain et des comptoirs en surface solide dans la cuisine et les salles de bain. L&rsquo;aspect pratique n&rsquo;a pas \u00e9t\u00e9 n\u00e9glig\u00e9 non plus :<\/p>\n<p>-Les am\u00e9nagements pour l&rsquo;\u00e9quipage, la r\u00e9frig\u00e9ration suppl\u00e9mentaire, la cabine convertible pour les invit\u00e9s et le bureau, les appareils de blanchisserie et la climatisation avanc\u00e9e garantissent une vie \u00e0 bord aussi fonctionnelle que raffin\u00e9e. Avec chaque \u00e9l\u00e9ment int\u00e9gr\u00e9 de mani\u00e8re r\u00e9fl\u00e9chie, le Y72 est un yacht de classe phare envelopp\u00e9 dans un cadre de 72 pieds.<\/p>\n<p>&nbsp;<\/p>\n<h3>Ce Princess Y72 est situ\u00e9 en Floride, veuillez nous contacter au 514-521-1221 pour tous les d\u00e9tails concernant ce Princess Yachts, notre bureau est situ\u00e9 en banlieue de Montr\u00e9al.<\/h3>\n<p><a href=\"https:\/\/itayachtscanada.com\/fr\/virtuals_visits\/princess-y72\/\">Cliquez ici<\/a> pour une visite virtuelle du Princess Y72.<\/p>\n<p>Dimensions<br \/>\nLongueur hors tout : 74 pi 9 po<br \/>\nLargeur : 17 pi 11 po<br \/>\nVitesse<br \/>\nVitesse de la coque : 35 kn \u00e0 tr\/min<br \/>\nR\u00e9servoirs<br \/>\nCarburant : (1400 gal)<br \/>\nEau douce : (240 gal)<br \/>\nR\u00e9servoir : (106 gal)<\/p>\n<p>&nbsp;<\/p>\n<p>MOTEURS :<\/p>\n<p>MAN V12 (Moteur 1)<br \/>\nType de moteur : Inboard<br \/>\nType de carburant : Diesel<br \/>\nHeures du moteur : 185<br \/>\nPuissance : 1650 hp<\/p>\n<p>MAN V12 (Engine 2)<br \/>\nType de moteur : Inboard<br \/>\nType de carburant : Diesel<br \/>\nHeures de service : 185<br \/>\nPuissance : 1650 hp<\/p>\n<div class=\"html-content-description\">\n<div class=\"content-box\">\n<div class=\"column-container cols-3\">\n<div class=\"column\">\n<div class=\"column-item\">\n<div class=\"content-box\">\n<div class=\"column-container cols-3\">\n<div class=\"column\">\n<div class=\"column-item\">\n<div><\/div>\n<div>\n<div data-carousel-extra='{&quot;blog_id&quot;:1,&quot;permalink&quot;:&quot;https:\/\/itayachtscanada.com\/fr\/listing\/princess-y72-m-y-2024-4695000-usd-for-sale\/&quot;}' id='gallery-1' class='gallery galleryid-281456 gallery-columns-3 gallery-size-medium'><figure class='gallery-item'>\n\t\t\t<div class='gallery-icon landscape'>\n\t\t\t\t<a href='https:\/\/itayachtscanada.com\/fr\/listing\/princess-y72-m-y-2024-4695000-usd-for-sale\/princess-y62-motor-yacht-2024-2\/'><img loading=\"lazy\" decoding=\"async\" width=\"300\" height=\"225\" src=\"https:\/\/i0.wp.com\/itayachtscanada.com\/wp-content\/uploads\/2025\/07\/Princess-Y62-Motor-Yacht-2024-1.jpg?fit=300%2C225&amp;ssl=1\" class=\"attachment-medium size-medium\" alt=\"\" srcset=\"https:\/\/i0.wp.com\/itayachtscanada.com\/wp-content\/uploads\/2025\/07\/Princess-Y62-Motor-Yacht-2024-1.jpg?w=1246&amp;ssl=1 1246w, https:\/\/i0.wp.com\/itayachtscanada.com\/wp-content\/uploads\/2025\/07\/Princess-Y62-Motor-Yacht-2024-1.jpg?resize=300%2C225&amp;ssl=1 300w, https:\/\/i0.wp.com\/itayachtscanada.com\/wp-content\/uploads\/2025\/07\/Princess-Y62-Motor-Yacht-2024-1.jpg?resize=1024%2C768&amp;ssl=1 1024w, https:\/\/i0.wp.com\/itayachtscanada.com\/wp-content\/uploads\/2025\/07\/Princess-Y62-Motor-Yacht-2024-1.jpg?resize=768%2C576&amp;ssl=1 768w, https:\/\/i0.wp.com\/itayachtscanada.com\/wp-content\/uploads\/2025\/07\/Princess-Y62-Motor-Yacht-2024-1.jpg?resize=700%2C525&amp;ssl=1 700w, https:\/\/i0.wp.com\/itayachtscanada.com\/wp-content\/uploads\/2025\/07\/Princess-Y62-Motor-Yacht-2024-1.jpg?resize=534%2C400&amp;ssl=1 534w\" sizes=\"auto, (max-width: 300px) 100vw, 300px\" data-attachment-id=\"281468\" data-permalink=\"https:\/\/itayachtscanada.com\/fr\/listing\/princess-y72-m-y-2024-4695000-usd-for-sale\/princess-y62-motor-yacht-2024-2\/\" data-orig-file=\"https:\/\/i0.wp.com\/itayachtscanada.com\/wp-content\/uploads\/2025\/07\/Princess-Y62-Motor-Yacht-2024-1.jpg?fit=1246%2C934&amp;ssl=1\" data-orig-size=\"1246,934\" data-comments-opened=\"1\" data-image-meta=\"{&quot;aperture&quot;:&quot;0&quot;,&quot;credit&quot;:&quot;&quot;,&quot;camera&quot;:&quot;&quot;,&quot;caption&quot;:&quot;&quot;,&quot;created_timestamp&quot;:&quot;0&quot;,&quot;copyright&quot;:&quot;&quot;,&quot;focal_length&quot;:&quot;0&quot;,&quot;iso&quot;:&quot;0&quot;,&quot;shutter_speed&quot;:&quot;0&quot;,&quot;title&quot;:&quot;&quot;,&quot;orientation&quot;:&quot;0&quot;}\" data-image-title=\"Princess Y62 Motor Yacht 2024\" data-image-description=\"\" data-image-caption=\"\" data-large-file=\"https:\/\/i0.wp.com\/itayachtscanada.com\/wp-content\/uploads\/2025\/07\/Princess-Y62-Motor-Yacht-2024-1.jpg?fit=700%2C525&amp;ssl=1\" \/><\/a>\n\t\t\t<\/div><\/figure><figure class='gallery-item'>\n\t\t\t<div class='gallery-icon landscape'>\n\t\t\t\t<a href='https:\/\/itayachtscanada.com\/fr\/listing\/princess-y72-m-y-2024-4695000-usd-for-sale\/capture-decran-le-2025-07-22-a-14-10-22-2\/'><img loading=\"lazy\" decoding=\"async\" width=\"300\" height=\"223\" src=\"https:\/\/i0.wp.com\/itayachtscanada.com\/wp-content\/uploads\/2025\/07\/Capture-decran-le-2025-07-22-a-14.10.22-1.jpg?fit=300%2C223&amp;ssl=1\" class=\"attachment-medium size-medium\" alt=\"\" srcset=\"https:\/\/i0.wp.com\/itayachtscanada.com\/wp-content\/uploads\/2025\/07\/Capture-decran-le-2025-07-22-a-14.10.22-1.jpg?w=1256&amp;ssl=1 1256w, https:\/\/i0.wp.com\/itayachtscanada.com\/wp-content\/uploads\/2025\/07\/Capture-decran-le-2025-07-22-a-14.10.22-1.jpg?resize=300%2C223&amp;ssl=1 300w, https:\/\/i0.wp.com\/itayachtscanada.com\/wp-content\/uploads\/2025\/07\/Capture-decran-le-2025-07-22-a-14.10.22-1.jpg?resize=1024%2C761&amp;ssl=1 1024w, https:\/\/i0.wp.com\/itayachtscanada.com\/wp-content\/uploads\/2025\/07\/Capture-decran-le-2025-07-22-a-14.10.22-1.jpg?resize=768%2C571&amp;ssl=1 768w, https:\/\/i0.wp.com\/itayachtscanada.com\/wp-content\/uploads\/2025\/07\/Capture-decran-le-2025-07-22-a-14.10.22-1.jpg?resize=700%2C521&amp;ssl=1 700w, https:\/\/i0.wp.com\/itayachtscanada.com\/wp-content\/uploads\/2025\/07\/Capture-decran-le-2025-07-22-a-14.10.22-1.jpg?resize=538%2C400&amp;ssl=1 538w\" sizes=\"auto, (max-width: 300px) 100vw, 300px\" data-attachment-id=\"281461\" data-permalink=\"https:\/\/itayachtscanada.com\/fr\/listing\/princess-y72-m-y-2024-4695000-usd-for-sale\/capture-decran-le-2025-07-22-a-14-10-22-2\/\" data-orig-file=\"https:\/\/i0.wp.com\/itayachtscanada.com\/wp-content\/uploads\/2025\/07\/Capture-decran-le-2025-07-22-a-14.10.22-1.jpg?fit=1256%2C934&amp;ssl=1\" data-orig-size=\"1256,934\" data-comments-opened=\"1\" data-image-meta=\"{&quot;aperture&quot;:&quot;0&quot;,&quot;credit&quot;:&quot;&quot;,&quot;camera&quot;:&quot;&quot;,&quot;caption&quot;:&quot;&quot;,&quot;created_timestamp&quot;:&quot;0&quot;,&quot;copyright&quot;:&quot;&quot;,&quot;focal_length&quot;:&quot;0&quot;,&quot;iso&quot;:&quot;0&quot;,&quot;shutter_speed&quot;:&quot;0&quot;,&quot;title&quot;:&quot;&quot;,&quot;orientation&quot;:&quot;0&quot;}\" data-image-title=\"Capture d\u2019e\u0301cran, le 2025-07-22 a\u0300 14.10.22\" data-image-description=\"\" data-image-caption=\"\" data-large-file=\"https:\/\/i0.wp.com\/itayachtscanada.com\/wp-content\/uploads\/2025\/07\/Capture-decran-le-2025-07-22-a-14.10.22-1.jpg?fit=700%2C520&amp;ssl=1\" \/><\/a>\n\t\t\t<\/div><\/figure><figure class='gallery-item'>\n\t\t\t<div class='gallery-icon landscape'>\n\t\t\t\t<a href='https:\/\/itayachtscanada.com\/fr\/listing\/princess-y72-m-y-2024-4695000-usd-for-sale\/capture-decran-le-2025-07-22-a-14-10-12-2\/'><img loading=\"lazy\" decoding=\"async\" width=\"300\" height=\"223\" src=\"https:\/\/i0.wp.com\/itayachtscanada.com\/wp-content\/uploads\/2025\/07\/Capture-decran-le-2025-07-22-a-14.10.12-1.jpg?fit=300%2C223&amp;ssl=1\" class=\"attachment-medium size-medium\" alt=\"\" srcset=\"https:\/\/i0.wp.com\/itayachtscanada.com\/wp-content\/uploads\/2025\/07\/Capture-decran-le-2025-07-22-a-14.10.12-1.jpg?w=1256&amp;ssl=1 1256w, https:\/\/i0.wp.com\/itayachtscanada.com\/wp-content\/uploads\/2025\/07\/Capture-decran-le-2025-07-22-a-14.10.12-1.jpg?resize=300%2C223&amp;ssl=1 300w, https:\/\/i0.wp.com\/itayachtscanada.com\/wp-content\/uploads\/2025\/07\/Capture-decran-le-2025-07-22-a-14.10.12-1.jpg?resize=1024%2C761&amp;ssl=1 1024w, https:\/\/i0.wp.com\/itayachtscanada.com\/wp-content\/uploads\/2025\/07\/Capture-decran-le-2025-07-22-a-14.10.12-1.jpg?resize=768%2C571&amp;ssl=1 768w, https:\/\/i0.wp.com\/itayachtscanada.com\/wp-content\/uploads\/2025\/07\/Capture-decran-le-2025-07-22-a-14.10.12-1.jpg?resize=700%2C521&amp;ssl=1 700w, https:\/\/i0.wp.com\/itayachtscanada.com\/wp-content\/uploads\/2025\/07\/Capture-decran-le-2025-07-22-a-14.10.12-1.jpg?resize=538%2C400&amp;ssl=1 538w\" sizes=\"auto, (max-width: 300px) 100vw, 300px\" data-attachment-id=\"281462\" data-permalink=\"https:\/\/itayachtscanada.com\/fr\/listing\/princess-y72-m-y-2024-4695000-usd-for-sale\/capture-decran-le-2025-07-22-a-14-10-12-2\/\" data-orig-file=\"https:\/\/i0.wp.com\/itayachtscanada.com\/wp-content\/uploads\/2025\/07\/Capture-decran-le-2025-07-22-a-14.10.12-1.jpg?fit=1256%2C934&amp;ssl=1\" data-orig-size=\"1256,934\" data-comments-opened=\"1\" data-image-meta=\"{&quot;aperture&quot;:&quot;0&quot;,&quot;credit&quot;:&quot;&quot;,&quot;camera&quot;:&quot;&quot;,&quot;caption&quot;:&quot;&quot;,&quot;created_timestamp&quot;:&quot;0&quot;,&quot;copyright&quot;:&quot;&quot;,&quot;focal_length&quot;:&quot;0&quot;,&quot;iso&quot;:&quot;0&quot;,&quot;shutter_speed&quot;:&quot;0&quot;,&quot;title&quot;:&quot;&quot;,&quot;orientation&quot;:&quot;0&quot;}\" data-image-title=\"Capture d\u2019e\u0301cran, le 2025-07-22 a\u0300 14.10.12\" data-image-description=\"\" data-image-caption=\"\" data-large-file=\"https:\/\/i0.wp.com\/itayachtscanada.com\/wp-content\/uploads\/2025\/07\/Capture-decran-le-2025-07-22-a-14.10.12-1.jpg?fit=700%2C520&amp;ssl=1\" \/><\/a>\n\t\t\t<\/div><\/figure><figure class='gallery-item'>\n\t\t\t<div class='gallery-icon landscape'>\n\t\t\t\t<a href='https:\/\/itayachtscanada.com\/fr\/listing\/princess-y72-m-y-2024-4695000-usd-for-sale\/capture-decran-le-2025-07-22-a-14-08-50-2\/'><img loading=\"lazy\" decoding=\"async\" width=\"300\" height=\"223\" src=\"https:\/\/i0.wp.com\/itayachtscanada.com\/wp-content\/uploads\/2025\/07\/Capture-decran-le-2025-07-22-a-14.08.50-1.jpg?fit=300%2C223&amp;ssl=1\" class=\"attachment-medium size-medium\" alt=\"\" srcset=\"https:\/\/i0.wp.com\/itayachtscanada.com\/wp-content\/uploads\/2025\/07\/Capture-decran-le-2025-07-22-a-14.08.50-1.jpg?w=1254&amp;ssl=1 1254w, https:\/\/i0.wp.com\/itayachtscanada.com\/wp-content\/uploads\/2025\/07\/Capture-decran-le-2025-07-22-a-14.08.50-1.jpg?resize=300%2C223&amp;ssl=1 300w, https:\/\/i0.wp.com\/itayachtscanada.com\/wp-content\/uploads\/2025\/07\/Capture-decran-le-2025-07-22-a-14.08.50-1.jpg?resize=1024%2C763&amp;ssl=1 1024w, https:\/\/i0.wp.com\/itayachtscanada.com\/wp-content\/uploads\/2025\/07\/Capture-decran-le-2025-07-22-a-14.08.50-1.jpg?resize=768%2C572&amp;ssl=1 768w, https:\/\/i0.wp.com\/itayachtscanada.com\/wp-content\/uploads\/2025\/07\/Capture-decran-le-2025-07-22-a-14.08.50-1.jpg?resize=700%2C521&amp;ssl=1 700w, https:\/\/i0.wp.com\/itayachtscanada.com\/wp-content\/uploads\/2025\/07\/Capture-decran-le-2025-07-22-a-14.08.50-1.jpg?resize=537%2C400&amp;ssl=1 537w\" sizes=\"auto, (max-width: 300px) 100vw, 300px\" data-attachment-id=\"281473\" data-permalink=\"https:\/\/itayachtscanada.com\/fr\/listing\/princess-y72-m-y-2024-4695000-usd-for-sale\/capture-decran-le-2025-07-22-a-14-08-50-2\/\" data-orig-file=\"https:\/\/i0.wp.com\/itayachtscanada.com\/wp-content\/uploads\/2025\/07\/Capture-decran-le-2025-07-22-a-14.08.50-1.jpg?fit=1254%2C934&amp;ssl=1\" data-orig-size=\"1254,934\" data-comments-opened=\"1\" data-image-meta=\"{&quot;aperture&quot;:&quot;0&quot;,&quot;credit&quot;:&quot;&quot;,&quot;camera&quot;:&quot;&quot;,&quot;caption&quot;:&quot;&quot;,&quot;created_timestamp&quot;:&quot;0&quot;,&quot;copyright&quot;:&quot;&quot;,&quot;focal_length&quot;:&quot;0&quot;,&quot;iso&quot;:&quot;0&quot;,&quot;shutter_speed&quot;:&quot;0&quot;,&quot;title&quot;:&quot;&quot;,&quot;orientation&quot;:&quot;0&quot;}\" data-image-title=\"Capture d\u2019e\u0301cran, le 2025-07-22 a\u0300 14.08.50\" data-image-description=\"\" data-image-caption=\"\" data-large-file=\"https:\/\/i0.wp.com\/itayachtscanada.com\/wp-content\/uploads\/2025\/07\/Capture-decran-le-2025-07-22-a-14.08.50-1.jpg?fit=700%2C522&amp;ssl=1\" \/><\/a>\n\t\t\t<\/div><\/figure><figure class='gallery-item'>\n\t\t\t<div class='gallery-icon landscape'>\n\t\t\t\t<a href='https:\/\/itayachtscanada.com\/fr\/listing\/princess-y72-m-y-2024-4695000-usd-for-sale\/capture-decran-le-2025-07-22-a-14-08-54-2\/'><img loading=\"lazy\" decoding=\"async\" width=\"300\" height=\"223\" src=\"https:\/\/i0.wp.com\/itayachtscanada.com\/wp-content\/uploads\/2025\/07\/Capture-decran-le-2025-07-22-a-14.08.54-1.jpg?fit=300%2C223&amp;ssl=1\" class=\"attachment-medium size-medium\" alt=\"\" srcset=\"https:\/\/i0.wp.com\/itayachtscanada.com\/wp-content\/uploads\/2025\/07\/Capture-decran-le-2025-07-22-a-14.08.54-1.jpg?w=1254&amp;ssl=1 1254w, https:\/\/i0.wp.com\/itayachtscanada.com\/wp-content\/uploads\/2025\/07\/Capture-decran-le-2025-07-22-a-14.08.54-1.jpg?resize=300%2C223&amp;ssl=1 300w, https:\/\/i0.wp.com\/itayachtscanada.com\/wp-content\/uploads\/2025\/07\/Capture-decran-le-2025-07-22-a-14.08.54-1.jpg?resize=1024%2C763&amp;ssl=1 1024w, https:\/\/i0.wp.com\/itayachtscanada.com\/wp-content\/uploads\/2025\/07\/Capture-decran-le-2025-07-22-a-14.08.54-1.jpg?resize=768%2C572&amp;ssl=1 768w, https:\/\/i0.wp.com\/itayachtscanada.com\/wp-content\/uploads\/2025\/07\/Capture-decran-le-2025-07-22-a-14.08.54-1.jpg?resize=700%2C521&amp;ssl=1 700w, https:\/\/i0.wp.com\/itayachtscanada.com\/wp-content\/uploads\/2025\/07\/Capture-decran-le-2025-07-22-a-14.08.54-1.jpg?resize=537%2C400&amp;ssl=1 537w\" sizes=\"auto, (max-width: 300px) 100vw, 300px\" data-attachment-id=\"281472\" data-permalink=\"https:\/\/itayachtscanada.com\/fr\/listing\/princess-y72-m-y-2024-4695000-usd-for-sale\/capture-decran-le-2025-07-22-a-14-08-54-2\/\" data-orig-file=\"https:\/\/i0.wp.com\/itayachtscanada.com\/wp-content\/uploads\/2025\/07\/Capture-decran-le-2025-07-22-a-14.08.54-1.jpg?fit=1254%2C934&amp;ssl=1\" data-orig-size=\"1254,934\" data-comments-opened=\"1\" data-image-meta=\"{&quot;aperture&quot;:&quot;0&quot;,&quot;credit&quot;:&quot;&quot;,&quot;camera&quot;:&quot;&quot;,&quot;caption&quot;:&quot;&quot;,&quot;created_timestamp&quot;:&quot;0&quot;,&quot;copyright&quot;:&quot;&quot;,&quot;focal_length&quot;:&quot;0&quot;,&quot;iso&quot;:&quot;0&quot;,&quot;shutter_speed&quot;:&quot;0&quot;,&quot;title&quot;:&quot;&quot;,&quot;orientation&quot;:&quot;0&quot;}\" data-image-title=\"Capture d\u2019e\u0301cran, le 2025-07-22 a\u0300 14.08.54\" data-image-description=\"\" data-image-caption=\"\" data-large-file=\"https:\/\/i0.wp.com\/itayachtscanada.com\/wp-content\/uploads\/2025\/07\/Capture-decran-le-2025-07-22-a-14.08.54-1.jpg?fit=700%2C522&amp;ssl=1\" \/><\/a>\n\t\t\t<\/div><\/figure><figure class='gallery-item'>\n\t\t\t<div class='gallery-icon landscape'>\n\t\t\t\t<a href='https:\/\/itayachtscanada.com\/fr\/listing\/princess-y72-m-y-2024-4695000-usd-for-sale\/capture-decran-le-2025-07-22-a-14-10-06-2\/'><img loading=\"lazy\" decoding=\"async\" width=\"300\" height=\"223\" src=\"https:\/\/i0.wp.com\/itayachtscanada.com\/wp-content\/uploads\/2025\/07\/Capture-decran-le-2025-07-22-a-14.10.06-1.jpg?fit=300%2C223&amp;ssl=1\" class=\"attachment-medium size-medium\" alt=\"\" srcset=\"https:\/\/i0.wp.com\/itayachtscanada.com\/wp-content\/uploads\/2025\/07\/Capture-decran-le-2025-07-22-a-14.10.06-1.jpg?w=1256&amp;ssl=1 1256w, https:\/\/i0.wp.com\/itayachtscanada.com\/wp-content\/uploads\/2025\/07\/Capture-decran-le-2025-07-22-a-14.10.06-1.jpg?resize=300%2C223&amp;ssl=1 300w, https:\/\/i0.wp.com\/itayachtscanada.com\/wp-content\/uploads\/2025\/07\/Capture-decran-le-2025-07-22-a-14.10.06-1.jpg?resize=1024%2C761&amp;ssl=1 1024w, https:\/\/i0.wp.com\/itayachtscanada.com\/wp-content\/uploads\/2025\/07\/Capture-decran-le-2025-07-22-a-14.10.06-1.jpg?resize=768%2C571&amp;ssl=1 768w, https:\/\/i0.wp.com\/itayachtscanada.com\/wp-content\/uploads\/2025\/07\/Capture-decran-le-2025-07-22-a-14.10.06-1.jpg?resize=700%2C521&amp;ssl=1 700w, https:\/\/i0.wp.com\/itayachtscanada.com\/wp-content\/uploads\/2025\/07\/Capture-decran-le-2025-07-22-a-14.10.06-1.jpg?resize=538%2C400&amp;ssl=1 538w\" sizes=\"auto, (max-width: 300px) 100vw, 300px\" data-attachment-id=\"281463\" data-permalink=\"https:\/\/itayachtscanada.com\/fr\/listing\/princess-y72-m-y-2024-4695000-usd-for-sale\/capture-decran-le-2025-07-22-a-14-10-06-2\/\" data-orig-file=\"https:\/\/i0.wp.com\/itayachtscanada.com\/wp-content\/uploads\/2025\/07\/Capture-decran-le-2025-07-22-a-14.10.06-1.jpg?fit=1256%2C934&amp;ssl=1\" data-orig-size=\"1256,934\" data-comments-opened=\"1\" data-image-meta=\"{&quot;aperture&quot;:&quot;0&quot;,&quot;credit&quot;:&quot;&quot;,&quot;camera&quot;:&quot;&quot;,&quot;caption&quot;:&quot;&quot;,&quot;created_timestamp&quot;:&quot;0&quot;,&quot;copyright&quot;:&quot;&quot;,&quot;focal_length&quot;:&quot;0&quot;,&quot;iso&quot;:&quot;0&quot;,&quot;shutter_speed&quot;:&quot;0&quot;,&quot;title&quot;:&quot;&quot;,&quot;orientation&quot;:&quot;0&quot;}\" data-image-title=\"Capture d\u2019e\u0301cran, le 2025-07-22 a\u0300 14.10.06\" data-image-description=\"\" data-image-caption=\"\" data-large-file=\"https:\/\/i0.wp.com\/itayachtscanada.com\/wp-content\/uploads\/2025\/07\/Capture-decran-le-2025-07-22-a-14.10.06-1.jpg?fit=700%2C520&amp;ssl=1\" \/><\/a>\n\t\t\t<\/div><\/figure><figure class='gallery-item'>\n\t\t\t<div class='gallery-icon landscape'>\n\t\t\t\t<a href='https:\/\/itayachtscanada.com\/fr\/listing\/princess-y72-m-y-2024-4695000-usd-for-sale\/capture-decran-le-2025-07-22-a-14-10-00-2\/'><img loading=\"lazy\" decoding=\"async\" width=\"300\" height=\"223\" src=\"https:\/\/i0.wp.com\/itayachtscanada.com\/wp-content\/uploads\/2025\/07\/Capture-decran-le-2025-07-22-a-14.10.00-1.jpg?fit=300%2C223&amp;ssl=1\" class=\"attachment-medium size-medium\" alt=\"\" srcset=\"https:\/\/i0.wp.com\/itayachtscanada.com\/wp-content\/uploads\/2025\/07\/Capture-decran-le-2025-07-22-a-14.10.00-1.jpg?w=1256&amp;ssl=1 1256w, https:\/\/i0.wp.com\/itayachtscanada.com\/wp-content\/uploads\/2025\/07\/Capture-decran-le-2025-07-22-a-14.10.00-1.jpg?resize=300%2C223&amp;ssl=1 300w, https:\/\/i0.wp.com\/itayachtscanada.com\/wp-content\/uploads\/2025\/07\/Capture-decran-le-2025-07-22-a-14.10.00-1.jpg?resize=1024%2C761&amp;ssl=1 1024w, https:\/\/i0.wp.com\/itayachtscanada.com\/wp-content\/uploads\/2025\/07\/Capture-decran-le-2025-07-22-a-14.10.00-1.jpg?resize=768%2C571&amp;ssl=1 768w, https:\/\/i0.wp.com\/itayachtscanada.com\/wp-content\/uploads\/2025\/07\/Capture-decran-le-2025-07-22-a-14.10.00-1.jpg?resize=700%2C521&amp;ssl=1 700w, https:\/\/i0.wp.com\/itayachtscanada.com\/wp-content\/uploads\/2025\/07\/Capture-decran-le-2025-07-22-a-14.10.00-1.jpg?resize=538%2C400&amp;ssl=1 538w\" sizes=\"auto, (max-width: 300px) 100vw, 300px\" data-attachment-id=\"281464\" data-permalink=\"https:\/\/itayachtscanada.com\/fr\/listing\/princess-y72-m-y-2024-4695000-usd-for-sale\/capture-decran-le-2025-07-22-a-14-10-00-2\/\" data-orig-file=\"https:\/\/i0.wp.com\/itayachtscanada.com\/wp-content\/uploads\/2025\/07\/Capture-decran-le-2025-07-22-a-14.10.00-1.jpg?fit=1256%2C934&amp;ssl=1\" data-orig-size=\"1256,934\" data-comments-opened=\"1\" data-image-meta=\"{&quot;aperture&quot;:&quot;0&quot;,&quot;credit&quot;:&quot;&quot;,&quot;camera&quot;:&quot;&quot;,&quot;caption&quot;:&quot;&quot;,&quot;created_timestamp&quot;:&quot;0&quot;,&quot;copyright&quot;:&quot;&quot;,&quot;focal_length&quot;:&quot;0&quot;,&quot;iso&quot;:&quot;0&quot;,&quot;shutter_speed&quot;:&quot;0&quot;,&quot;title&quot;:&quot;&quot;,&quot;orientation&quot;:&quot;0&quot;}\" data-image-title=\"Capture d\u2019e\u0301cran, le 2025-07-22 a\u0300 14.10.00\" data-image-description=\"\" data-image-caption=\"\" data-large-file=\"https:\/\/i0.wp.com\/itayachtscanada.com\/wp-content\/uploads\/2025\/07\/Capture-decran-le-2025-07-22-a-14.10.00-1.jpg?fit=700%2C520&amp;ssl=1\" \/><\/a>\n\t\t\t<\/div><\/figure><figure class='gallery-item'>\n\t\t\t<div class='gallery-icon landscape'>\n\t\t\t\t<a href='https:\/\/itayachtscanada.com\/fr\/listing\/princess-y72-m-y-2024-4695000-usd-for-sale\/capture-decran-le-2025-07-22-a-14-09-56-2\/'><img loading=\"lazy\" decoding=\"async\" width=\"300\" height=\"223\" src=\"https:\/\/i0.wp.com\/itayachtscanada.com\/wp-content\/uploads\/2025\/07\/Capture-decran-le-2025-07-22-a-14.09.56-1.jpg?fit=300%2C223&amp;ssl=1\" class=\"attachment-medium size-medium\" alt=\"\" srcset=\"https:\/\/i0.wp.com\/itayachtscanada.com\/wp-content\/uploads\/2025\/07\/Capture-decran-le-2025-07-22-a-14.09.56-1.jpg?w=1256&amp;ssl=1 1256w, https:\/\/i0.wp.com\/itayachtscanada.com\/wp-content\/uploads\/2025\/07\/Capture-decran-le-2025-07-22-a-14.09.56-1.jpg?resize=300%2C223&amp;ssl=1 300w, https:\/\/i0.wp.com\/itayachtscanada.com\/wp-content\/uploads\/2025\/07\/Capture-decran-le-2025-07-22-a-14.09.56-1.jpg?resize=1024%2C761&amp;ssl=1 1024w, https:\/\/i0.wp.com\/itayachtscanada.com\/wp-content\/uploads\/2025\/07\/Capture-decran-le-2025-07-22-a-14.09.56-1.jpg?resize=768%2C571&amp;ssl=1 768w, https:\/\/i0.wp.com\/itayachtscanada.com\/wp-content\/uploads\/2025\/07\/Capture-decran-le-2025-07-22-a-14.09.56-1.jpg?resize=700%2C521&amp;ssl=1 700w, https:\/\/i0.wp.com\/itayachtscanada.com\/wp-content\/uploads\/2025\/07\/Capture-decran-le-2025-07-22-a-14.09.56-1.jpg?resize=538%2C400&amp;ssl=1 538w\" sizes=\"auto, (max-width: 300px) 100vw, 300px\" data-attachment-id=\"281465\" data-permalink=\"https:\/\/itayachtscanada.com\/fr\/listing\/princess-y72-m-y-2024-4695000-usd-for-sale\/capture-decran-le-2025-07-22-a-14-09-56-2\/\" data-orig-file=\"https:\/\/i0.wp.com\/itayachtscanada.com\/wp-content\/uploads\/2025\/07\/Capture-decran-le-2025-07-22-a-14.09.56-1.jpg?fit=1256%2C934&amp;ssl=1\" data-orig-size=\"1256,934\" data-comments-opened=\"1\" data-image-meta=\"{&quot;aperture&quot;:&quot;0&quot;,&quot;credit&quot;:&quot;&quot;,&quot;camera&quot;:&quot;&quot;,&quot;caption&quot;:&quot;&quot;,&quot;created_timestamp&quot;:&quot;0&quot;,&quot;copyright&quot;:&quot;&quot;,&quot;focal_length&quot;:&quot;0&quot;,&quot;iso&quot;:&quot;0&quot;,&quot;shutter_speed&quot;:&quot;0&quot;,&quot;title&quot;:&quot;&quot;,&quot;orientation&quot;:&quot;0&quot;}\" data-image-title=\"Capture d\u2019e\u0301cran, le 2025-07-22 a\u0300 14.09.56\" data-image-description=\"\" data-image-caption=\"\" data-large-file=\"https:\/\/i0.wp.com\/itayachtscanada.com\/wp-content\/uploads\/2025\/07\/Capture-decran-le-2025-07-22-a-14.09.56-1.jpg?fit=700%2C520&amp;ssl=1\" \/><\/a>\n\t\t\t<\/div><\/figure><figure class='gallery-item'>\n\t\t\t<div class='gallery-icon landscape'>\n\t\t\t\t<a href='https:\/\/itayachtscanada.com\/fr\/listing\/princess-y72-m-y-2024-4695000-usd-for-sale\/capture-decran-le-2025-07-22-a-14-07-34-2\/'><img loading=\"lazy\" decoding=\"async\" width=\"300\" height=\"199\" src=\"https:\/\/i0.wp.com\/itayachtscanada.com\/wp-content\/uploads\/2025\/07\/Capture-decran-le-2025-07-22-a-14.07.34-1.jpg?fit=300%2C199&amp;ssl=1\" class=\"attachment-medium size-medium\" alt=\"\" srcset=\"https:\/\/i0.wp.com\/itayachtscanada.com\/wp-content\/uploads\/2025\/07\/Capture-decran-le-2025-07-22-a-14.07.34-1.jpg?w=1406&amp;ssl=1 1406w, https:\/\/i0.wp.com\/itayachtscanada.com\/wp-content\/uploads\/2025\/07\/Capture-decran-le-2025-07-22-a-14.07.34-1.jpg?resize=300%2C199&amp;ssl=1 300w, https:\/\/i0.wp.com\/itayachtscanada.com\/wp-content\/uploads\/2025\/07\/Capture-decran-le-2025-07-22-a-14.07.34-1.jpg?resize=1024%2C680&amp;ssl=1 1024w, https:\/\/i0.wp.com\/itayachtscanada.com\/wp-content\/uploads\/2025\/07\/Capture-decran-le-2025-07-22-a-14.07.34-1.jpg?resize=768%2C510&amp;ssl=1 768w, https:\/\/i0.wp.com\/itayachtscanada.com\/wp-content\/uploads\/2025\/07\/Capture-decran-le-2025-07-22-a-14.07.34-1.jpg?resize=700%2C465&amp;ssl=1 700w, https:\/\/i0.wp.com\/itayachtscanada.com\/wp-content\/uploads\/2025\/07\/Capture-decran-le-2025-07-22-a-14.07.34-1.jpg?resize=900%2C600&amp;ssl=1 900w, https:\/\/i0.wp.com\/itayachtscanada.com\/wp-content\/uploads\/2025\/07\/Capture-decran-le-2025-07-22-a-14.07.34-1.jpg?resize=602%2C400&amp;ssl=1 602w\" sizes=\"auto, (max-width: 300px) 100vw, 300px\" data-attachment-id=\"281483\" data-permalink=\"https:\/\/itayachtscanada.com\/fr\/listing\/princess-y72-m-y-2024-4695000-usd-for-sale\/capture-decran-le-2025-07-22-a-14-07-34-2\/\" data-orig-file=\"https:\/\/i0.wp.com\/itayachtscanada.com\/wp-content\/uploads\/2025\/07\/Capture-decran-le-2025-07-22-a-14.07.34-1.jpg?fit=1406%2C934&amp;ssl=1\" data-orig-size=\"1406,934\" data-comments-opened=\"1\" data-image-meta=\"{&quot;aperture&quot;:&quot;0&quot;,&quot;credit&quot;:&quot;&quot;,&quot;camera&quot;:&quot;&quot;,&quot;caption&quot;:&quot;&quot;,&quot;created_timestamp&quot;:&quot;0&quot;,&quot;copyright&quot;:&quot;&quot;,&quot;focal_length&quot;:&quot;0&quot;,&quot;iso&quot;:&quot;0&quot;,&quot;shutter_speed&quot;:&quot;0&quot;,&quot;title&quot;:&quot;&quot;,&quot;orientation&quot;:&quot;0&quot;}\" data-image-title=\"Capture d\u2019e\u0301cran, le 2025-07-22 a\u0300 14.07.34\" data-image-description=\"\" data-image-caption=\"\" data-large-file=\"https:\/\/i0.wp.com\/itayachtscanada.com\/wp-content\/uploads\/2025\/07\/Capture-decran-le-2025-07-22-a-14.07.34-1.jpg?fit=700%2C465&amp;ssl=1\" \/><\/a>\n\t\t\t<\/div><\/figure><figure class='gallery-item'>\n\t\t\t<div class='gallery-icon landscape'>\n\t\t\t\t<a href='https:\/\/itayachtscanada.com\/fr\/listing\/princess-y72-m-y-2024-4695000-usd-for-sale\/capture-decran-le-2025-07-22-a-14-07-38-2\/'><img loading=\"lazy\" decoding=\"async\" width=\"300\" height=\"199\" src=\"https:\/\/i0.wp.com\/itayachtscanada.com\/wp-content\/uploads\/2025\/07\/Capture-decran-le-2025-07-22-a-14.07.38-1.jpg?fit=300%2C199&amp;ssl=1\" class=\"attachment-medium size-medium\" alt=\"\" srcset=\"https:\/\/i0.wp.com\/itayachtscanada.com\/wp-content\/uploads\/2025\/07\/Capture-decran-le-2025-07-22-a-14.07.38-1.jpg?w=1406&amp;ssl=1 1406w, https:\/\/i0.wp.com\/itayachtscanada.com\/wp-content\/uploads\/2025\/07\/Capture-decran-le-2025-07-22-a-14.07.38-1.jpg?resize=300%2C199&amp;ssl=1 300w, https:\/\/i0.wp.com\/itayachtscanada.com\/wp-content\/uploads\/2025\/07\/Capture-decran-le-2025-07-22-a-14.07.38-1.jpg?resize=1024%2C680&amp;ssl=1 1024w, https:\/\/i0.wp.com\/itayachtscanada.com\/wp-content\/uploads\/2025\/07\/Capture-decran-le-2025-07-22-a-14.07.38-1.jpg?resize=768%2C510&amp;ssl=1 768w, https:\/\/i0.wp.com\/itayachtscanada.com\/wp-content\/uploads\/2025\/07\/Capture-decran-le-2025-07-22-a-14.07.38-1.jpg?resize=700%2C465&amp;ssl=1 700w, https:\/\/i0.wp.com\/itayachtscanada.com\/wp-content\/uploads\/2025\/07\/Capture-decran-le-2025-07-22-a-14.07.38-1.jpg?resize=900%2C600&amp;ssl=1 900w, https:\/\/i0.wp.com\/itayachtscanada.com\/wp-content\/uploads\/2025\/07\/Capture-decran-le-2025-07-22-a-14.07.38-1.jpg?resize=602%2C400&amp;ssl=1 602w\" sizes=\"auto, (max-width: 300px) 100vw, 300px\" data-attachment-id=\"281482\" data-permalink=\"https:\/\/itayachtscanada.com\/fr\/listing\/princess-y72-m-y-2024-4695000-usd-for-sale\/capture-decran-le-2025-07-22-a-14-07-38-2\/\" data-orig-file=\"https:\/\/i0.wp.com\/itayachtscanada.com\/wp-content\/uploads\/2025\/07\/Capture-decran-le-2025-07-22-a-14.07.38-1.jpg?fit=1406%2C934&amp;ssl=1\" data-orig-size=\"1406,934\" data-comments-opened=\"1\" data-image-meta=\"{&quot;aperture&quot;:&quot;0&quot;,&quot;credit&quot;:&quot;&quot;,&quot;camera&quot;:&quot;&quot;,&quot;caption&quot;:&quot;&quot;,&quot;created_timestamp&quot;:&quot;0&quot;,&quot;copyright&quot;:&quot;&quot;,&quot;focal_length&quot;:&quot;0&quot;,&quot;iso&quot;:&quot;0&quot;,&quot;shutter_speed&quot;:&quot;0&quot;,&quot;title&quot;:&quot;&quot;,&quot;orientation&quot;:&quot;0&quot;}\" data-image-title=\"Capture d\u2019e\u0301cran, le 2025-07-22 a\u0300 14.07.38\" data-image-description=\"\" data-image-caption=\"\" data-large-file=\"https:\/\/i0.wp.com\/itayachtscanada.com\/wp-content\/uploads\/2025\/07\/Capture-decran-le-2025-07-22-a-14.07.38-1.jpg?fit=700%2C465&amp;ssl=1\" \/><\/a>\n\t\t\t<\/div><\/figure><figure class='gallery-item'>\n\t\t\t<div class='gallery-icon landscape'>\n\t\t\t\t<a href='https:\/\/itayachtscanada.com\/fr\/listing\/princess-y72-m-y-2024-4695000-usd-for-sale\/capture-decran-le-2025-07-22-a-14-07-30-2\/'><img loading=\"lazy\" decoding=\"async\" width=\"300\" height=\"199\" src=\"https:\/\/i0.wp.com\/itayachtscanada.com\/wp-content\/uploads\/2025\/07\/Capture-decran-le-2025-07-22-a-14.07.30-1.jpg?fit=300%2C199&amp;ssl=1\" class=\"attachment-medium size-medium\" alt=\"\" srcset=\"https:\/\/i0.wp.com\/itayachtscanada.com\/wp-content\/uploads\/2025\/07\/Capture-decran-le-2025-07-22-a-14.07.30-1.jpg?w=1406&amp;ssl=1 1406w, https:\/\/i0.wp.com\/itayachtscanada.com\/wp-content\/uploads\/2025\/07\/Capture-decran-le-2025-07-22-a-14.07.30-1.jpg?resize=300%2C199&amp;ssl=1 300w, https:\/\/i0.wp.com\/itayachtscanada.com\/wp-content\/uploads\/2025\/07\/Capture-decran-le-2025-07-22-a-14.07.30-1.jpg?resize=1024%2C680&amp;ssl=1 1024w, https:\/\/i0.wp.com\/itayachtscanada.com\/wp-content\/uploads\/2025\/07\/Capture-decran-le-2025-07-22-a-14.07.30-1.jpg?resize=768%2C510&amp;ssl=1 768w, https:\/\/i0.wp.com\/itayachtscanada.com\/wp-content\/uploads\/2025\/07\/Capture-decran-le-2025-07-22-a-14.07.30-1.jpg?resize=700%2C465&amp;ssl=1 700w, https:\/\/i0.wp.com\/itayachtscanada.com\/wp-content\/uploads\/2025\/07\/Capture-decran-le-2025-07-22-a-14.07.30-1.jpg?resize=900%2C600&amp;ssl=1 900w, https:\/\/i0.wp.com\/itayachtscanada.com\/wp-content\/uploads\/2025\/07\/Capture-decran-le-2025-07-22-a-14.07.30-1.jpg?resize=602%2C400&amp;ssl=1 602w\" sizes=\"auto, (max-width: 300px) 100vw, 300px\" data-attachment-id=\"281484\" data-permalink=\"https:\/\/itayachtscanada.com\/fr\/listing\/princess-y72-m-y-2024-4695000-usd-for-sale\/capture-decran-le-2025-07-22-a-14-07-30-2\/\" data-orig-file=\"https:\/\/i0.wp.com\/itayachtscanada.com\/wp-content\/uploads\/2025\/07\/Capture-decran-le-2025-07-22-a-14.07.30-1.jpg?fit=1406%2C934&amp;ssl=1\" data-orig-size=\"1406,934\" data-comments-opened=\"1\" data-image-meta=\"{&quot;aperture&quot;:&quot;0&quot;,&quot;credit&quot;:&quot;&quot;,&quot;camera&quot;:&quot;&quot;,&quot;caption&quot;:&quot;&quot;,&quot;created_timestamp&quot;:&quot;0&quot;,&quot;copyright&quot;:&quot;&quot;,&quot;focal_length&quot;:&quot;0&quot;,&quot;iso&quot;:&quot;0&quot;,&quot;shutter_speed&quot;:&quot;0&quot;,&quot;title&quot;:&quot;&quot;,&quot;orientation&quot;:&quot;0&quot;}\" data-image-title=\"Capture d\u2019e\u0301cran, le 2025-07-22 a\u0300 14.07.30\" data-image-description=\"\" data-image-caption=\"\" data-large-file=\"https:\/\/i0.wp.com\/itayachtscanada.com\/wp-content\/uploads\/2025\/07\/Capture-decran-le-2025-07-22-a-14.07.30-1.jpg?fit=700%2C465&amp;ssl=1\" \/><\/a>\n\t\t\t<\/div><\/figure><figure class='gallery-item'>\n\t\t\t<div class='gallery-icon landscape'>\n\t\t\t\t<a href='https:\/\/itayachtscanada.com\/fr\/listing\/princess-y72-m-y-2024-4695000-usd-for-sale\/capture-decran-le-2025-07-22-a-14-07-54-2\/'><img loading=\"lazy\" decoding=\"async\" width=\"300\" height=\"199\" src=\"https:\/\/i0.wp.com\/itayachtscanada.com\/wp-content\/uploads\/2025\/07\/Capture-decran-le-2025-07-22-a-14.07.54-1.jpg?fit=300%2C199&amp;ssl=1\" class=\"attachment-medium size-medium\" alt=\"\" srcset=\"https:\/\/i0.wp.com\/itayachtscanada.com\/wp-content\/uploads\/2025\/07\/Capture-decran-le-2025-07-22-a-14.07.54-1.jpg?w=1406&amp;ssl=1 1406w, https:\/\/i0.wp.com\/itayachtscanada.com\/wp-content\/uploads\/2025\/07\/Capture-decran-le-2025-07-22-a-14.07.54-1.jpg?resize=300%2C199&amp;ssl=1 300w, https:\/\/i0.wp.com\/itayachtscanada.com\/wp-content\/uploads\/2025\/07\/Capture-decran-le-2025-07-22-a-14.07.54-1.jpg?resize=1024%2C680&amp;ssl=1 1024w, https:\/\/i0.wp.com\/itayachtscanada.com\/wp-content\/uploads\/2025\/07\/Capture-decran-le-2025-07-22-a-14.07.54-1.jpg?resize=768%2C510&amp;ssl=1 768w, https:\/\/i0.wp.com\/itayachtscanada.com\/wp-content\/uploads\/2025\/07\/Capture-decran-le-2025-07-22-a-14.07.54-1.jpg?resize=700%2C465&amp;ssl=1 700w, https:\/\/i0.wp.com\/itayachtscanada.com\/wp-content\/uploads\/2025\/07\/Capture-decran-le-2025-07-22-a-14.07.54-1.jpg?resize=900%2C600&amp;ssl=1 900w, https:\/\/i0.wp.com\/itayachtscanada.com\/wp-content\/uploads\/2025\/07\/Capture-decran-le-2025-07-22-a-14.07.54-1.jpg?resize=602%2C400&amp;ssl=1 602w\" sizes=\"auto, (max-width: 300px) 100vw, 300px\" data-attachment-id=\"281478\" data-permalink=\"https:\/\/itayachtscanada.com\/fr\/listing\/princess-y72-m-y-2024-4695000-usd-for-sale\/capture-decran-le-2025-07-22-a-14-07-54-2\/\" data-orig-file=\"https:\/\/i0.wp.com\/itayachtscanada.com\/wp-content\/uploads\/2025\/07\/Capture-decran-le-2025-07-22-a-14.07.54-1.jpg?fit=1406%2C934&amp;ssl=1\" data-orig-size=\"1406,934\" data-comments-opened=\"1\" data-image-meta=\"{&quot;aperture&quot;:&quot;0&quot;,&quot;credit&quot;:&quot;&quot;,&quot;camera&quot;:&quot;&quot;,&quot;caption&quot;:&quot;&quot;,&quot;created_timestamp&quot;:&quot;0&quot;,&quot;copyright&quot;:&quot;&quot;,&quot;focal_length&quot;:&quot;0&quot;,&quot;iso&quot;:&quot;0&quot;,&quot;shutter_speed&quot;:&quot;0&quot;,&quot;title&quot;:&quot;&quot;,&quot;orientation&quot;:&quot;0&quot;}\" data-image-title=\"Capture d\u2019e\u0301cran, le 2025-07-22 a\u0300 14.07.54\" data-image-description=\"\" data-image-caption=\"\" data-large-file=\"https:\/\/i0.wp.com\/itayachtscanada.com\/wp-content\/uploads\/2025\/07\/Capture-decran-le-2025-07-22-a-14.07.54-1.jpg?fit=700%2C465&amp;ssl=1\" \/><\/a>\n\t\t\t<\/div><\/figure><figure class='gallery-item'>\n\t\t\t<div class='gallery-icon landscape'>\n\t\t\t\t<a href='https:\/\/itayachtscanada.com\/fr\/listing\/princess-y72-m-y-2024-4695000-usd-for-sale\/capture-decran-le-2025-07-22-a-14-07-50-2\/'><img loading=\"lazy\" decoding=\"async\" width=\"300\" height=\"199\" src=\"https:\/\/i0.wp.com\/itayachtscanada.com\/wp-content\/uploads\/2025\/07\/Capture-decran-le-2025-07-22-a-14.07.50-1.jpg?fit=300%2C199&amp;ssl=1\" class=\"attachment-medium size-medium\" alt=\"\" srcset=\"https:\/\/i0.wp.com\/itayachtscanada.com\/wp-content\/uploads\/2025\/07\/Capture-decran-le-2025-07-22-a-14.07.50-1.jpg?w=1406&amp;ssl=1 1406w, https:\/\/i0.wp.com\/itayachtscanada.com\/wp-content\/uploads\/2025\/07\/Capture-decran-le-2025-07-22-a-14.07.50-1.jpg?resize=300%2C199&amp;ssl=1 300w, https:\/\/i0.wp.com\/itayachtscanada.com\/wp-content\/uploads\/2025\/07\/Capture-decran-le-2025-07-22-a-14.07.50-1.jpg?resize=1024%2C680&amp;ssl=1 1024w, https:\/\/i0.wp.com\/itayachtscanada.com\/wp-content\/uploads\/2025\/07\/Capture-decran-le-2025-07-22-a-14.07.50-1.jpg?resize=768%2C510&amp;ssl=1 768w, https:\/\/i0.wp.com\/itayachtscanada.com\/wp-content\/uploads\/2025\/07\/Capture-decran-le-2025-07-22-a-14.07.50-1.jpg?resize=700%2C465&amp;ssl=1 700w, https:\/\/i0.wp.com\/itayachtscanada.com\/wp-content\/uploads\/2025\/07\/Capture-decran-le-2025-07-22-a-14.07.50-1.jpg?resize=900%2C600&amp;ssl=1 900w, https:\/\/i0.wp.com\/itayachtscanada.com\/wp-content\/uploads\/2025\/07\/Capture-decran-le-2025-07-22-a-14.07.50-1.jpg?resize=602%2C400&amp;ssl=1 602w\" sizes=\"auto, (max-width: 300px) 100vw, 300px\" data-attachment-id=\"281479\" data-permalink=\"https:\/\/itayachtscanada.com\/fr\/listing\/princess-y72-m-y-2024-4695000-usd-for-sale\/capture-decran-le-2025-07-22-a-14-07-50-2\/\" data-orig-file=\"https:\/\/i0.wp.com\/itayachtscanada.com\/wp-content\/uploads\/2025\/07\/Capture-decran-le-2025-07-22-a-14.07.50-1.jpg?fit=1406%2C934&amp;ssl=1\" data-orig-size=\"1406,934\" data-comments-opened=\"1\" data-image-meta=\"{&quot;aperture&quot;:&quot;0&quot;,&quot;credit&quot;:&quot;&quot;,&quot;camera&quot;:&quot;&quot;,&quot;caption&quot;:&quot;&quot;,&quot;created_timestamp&quot;:&quot;0&quot;,&quot;copyright&quot;:&quot;&quot;,&quot;focal_length&quot;:&quot;0&quot;,&quot;iso&quot;:&quot;0&quot;,&quot;shutter_speed&quot;:&quot;0&quot;,&quot;title&quot;:&quot;&quot;,&quot;orientation&quot;:&quot;0&quot;}\" data-image-title=\"Capture d\u2019e\u0301cran, le 2025-07-22 a\u0300 14.07.50\" data-image-description=\"\" data-image-caption=\"\" data-large-file=\"https:\/\/i0.wp.com\/itayachtscanada.com\/wp-content\/uploads\/2025\/07\/Capture-decran-le-2025-07-22-a-14.07.50-1.jpg?fit=700%2C465&amp;ssl=1\" \/><\/a>\n\t\t\t<\/div><\/figure><figure class='gallery-item'>\n\t\t\t<div class='gallery-icon landscape'>\n\t\t\t\t<a href='https:\/\/itayachtscanada.com\/fr\/listing\/princess-y72-m-y-2024-4695000-usd-for-sale\/capture-decran-le-2025-07-22-a-14-07-46-2\/'><img loading=\"lazy\" decoding=\"async\" width=\"300\" height=\"199\" src=\"https:\/\/i0.wp.com\/itayachtscanada.com\/wp-content\/uploads\/2025\/07\/Capture-decran-le-2025-07-22-a-14.07.46-1.jpg?fit=300%2C199&amp;ssl=1\" class=\"attachment-medium size-medium\" alt=\"\" srcset=\"https:\/\/i0.wp.com\/itayachtscanada.com\/wp-content\/uploads\/2025\/07\/Capture-decran-le-2025-07-22-a-14.07.46-1.jpg?w=1406&amp;ssl=1 1406w, https:\/\/i0.wp.com\/itayachtscanada.com\/wp-content\/uploads\/2025\/07\/Capture-decran-le-2025-07-22-a-14.07.46-1.jpg?resize=300%2C199&amp;ssl=1 300w, https:\/\/i0.wp.com\/itayachtscanada.com\/wp-content\/uploads\/2025\/07\/Capture-decran-le-2025-07-22-a-14.07.46-1.jpg?resize=1024%2C680&amp;ssl=1 1024w, https:\/\/i0.wp.com\/itayachtscanada.com\/wp-content\/uploads\/2025\/07\/Capture-decran-le-2025-07-22-a-14.07.46-1.jpg?resize=768%2C510&amp;ssl=1 768w, https:\/\/i0.wp.com\/itayachtscanada.com\/wp-content\/uploads\/2025\/07\/Capture-decran-le-2025-07-22-a-14.07.46-1.jpg?resize=700%2C465&amp;ssl=1 700w, https:\/\/i0.wp.com\/itayachtscanada.com\/wp-content\/uploads\/2025\/07\/Capture-decran-le-2025-07-22-a-14.07.46-1.jpg?resize=900%2C600&amp;ssl=1 900w, https:\/\/i0.wp.com\/itayachtscanada.com\/wp-content\/uploads\/2025\/07\/Capture-decran-le-2025-07-22-a-14.07.46-1.jpg?resize=602%2C400&amp;ssl=1 602w\" sizes=\"auto, (max-width: 300px) 100vw, 300px\" data-attachment-id=\"281480\" data-permalink=\"https:\/\/itayachtscanada.com\/fr\/listing\/princess-y72-m-y-2024-4695000-usd-for-sale\/capture-decran-le-2025-07-22-a-14-07-46-2\/\" data-orig-file=\"https:\/\/i0.wp.com\/itayachtscanada.com\/wp-content\/uploads\/2025\/07\/Capture-decran-le-2025-07-22-a-14.07.46-1.jpg?fit=1406%2C934&amp;ssl=1\" data-orig-size=\"1406,934\" data-comments-opened=\"1\" data-image-meta=\"{&quot;aperture&quot;:&quot;0&quot;,&quot;credit&quot;:&quot;&quot;,&quot;camera&quot;:&quot;&quot;,&quot;caption&quot;:&quot;&quot;,&quot;created_timestamp&quot;:&quot;0&quot;,&quot;copyright&quot;:&quot;&quot;,&quot;focal_length&quot;:&quot;0&quot;,&quot;iso&quot;:&quot;0&quot;,&quot;shutter_speed&quot;:&quot;0&quot;,&quot;title&quot;:&quot;&quot;,&quot;orientation&quot;:&quot;0&quot;}\" data-image-title=\"Capture d\u2019e\u0301cran, le 2025-07-22 a\u0300 14.07.46\" data-image-description=\"\" data-image-caption=\"\" data-large-file=\"https:\/\/i0.wp.com\/itayachtscanada.com\/wp-content\/uploads\/2025\/07\/Capture-decran-le-2025-07-22-a-14.07.46-1.jpg?fit=700%2C465&amp;ssl=1\" \/><\/a>\n\t\t\t<\/div><\/figure><figure class='gallery-item'>\n\t\t\t<div class='gallery-icon landscape'>\n\t\t\t\t<a href='https:\/\/itayachtscanada.com\/fr\/listing\/princess-y72-m-y-2024-4695000-usd-for-sale\/capture-decran-le-2025-07-22-a-14-07-42-2\/'><img loading=\"lazy\" decoding=\"async\" width=\"300\" height=\"199\" src=\"https:\/\/i0.wp.com\/itayachtscanada.com\/wp-content\/uploads\/2025\/07\/Capture-decran-le-2025-07-22-a-14.07.42-1.jpg?fit=300%2C199&amp;ssl=1\" class=\"attachment-medium size-medium\" alt=\"\" srcset=\"https:\/\/i0.wp.com\/itayachtscanada.com\/wp-content\/uploads\/2025\/07\/Capture-decran-le-2025-07-22-a-14.07.42-1.jpg?w=1406&amp;ssl=1 1406w, https:\/\/i0.wp.com\/itayachtscanada.com\/wp-content\/uploads\/2025\/07\/Capture-decran-le-2025-07-22-a-14.07.42-1.jpg?resize=300%2C199&amp;ssl=1 300w, https:\/\/i0.wp.com\/itayachtscanada.com\/wp-content\/uploads\/2025\/07\/Capture-decran-le-2025-07-22-a-14.07.42-1.jpg?resize=1024%2C680&amp;ssl=1 1024w, https:\/\/i0.wp.com\/itayachtscanada.com\/wp-content\/uploads\/2025\/07\/Capture-decran-le-2025-07-22-a-14.07.42-1.jpg?resize=768%2C510&amp;ssl=1 768w, https:\/\/i0.wp.com\/itayachtscanada.com\/wp-content\/uploads\/2025\/07\/Capture-decran-le-2025-07-22-a-14.07.42-1.jpg?resize=700%2C465&amp;ssl=1 700w, https:\/\/i0.wp.com\/itayachtscanada.com\/wp-content\/uploads\/2025\/07\/Capture-decran-le-2025-07-22-a-14.07.42-1.jpg?resize=900%2C600&amp;ssl=1 900w, https:\/\/i0.wp.com\/itayachtscanada.com\/wp-content\/uploads\/2025\/07\/Capture-decran-le-2025-07-22-a-14.07.42-1.jpg?resize=602%2C400&amp;ssl=1 602w\" sizes=\"auto, (max-width: 300px) 100vw, 300px\" data-attachment-id=\"281481\" data-permalink=\"https:\/\/itayachtscanada.com\/fr\/listing\/princess-y72-m-y-2024-4695000-usd-for-sale\/capture-decran-le-2025-07-22-a-14-07-42-2\/\" data-orig-file=\"https:\/\/i0.wp.com\/itayachtscanada.com\/wp-content\/uploads\/2025\/07\/Capture-decran-le-2025-07-22-a-14.07.42-1.jpg?fit=1406%2C934&amp;ssl=1\" data-orig-size=\"1406,934\" data-comments-opened=\"1\" data-image-meta=\"{&quot;aperture&quot;:&quot;0&quot;,&quot;credit&quot;:&quot;&quot;,&quot;camera&quot;:&quot;&quot;,&quot;caption&quot;:&quot;&quot;,&quot;created_timestamp&quot;:&quot;0&quot;,&quot;copyright&quot;:&quot;&quot;,&quot;focal_length&quot;:&quot;0&quot;,&quot;iso&quot;:&quot;0&quot;,&quot;shutter_speed&quot;:&quot;0&quot;,&quot;title&quot;:&quot;&quot;,&quot;orientation&quot;:&quot;0&quot;}\" data-image-title=\"Capture d\u2019e\u0301cran, le 2025-07-22 a\u0300 14.07.42\" data-image-description=\"\" data-image-caption=\"\" data-large-file=\"https:\/\/i0.wp.com\/itayachtscanada.com\/wp-content\/uploads\/2025\/07\/Capture-decran-le-2025-07-22-a-14.07.42-1.jpg?fit=700%2C465&amp;ssl=1\" \/><\/a>\n\t\t\t<\/div><\/figure><figure class='gallery-item'>\n\t\t\t<div class='gallery-icon landscape'>\n\t\t\t\t<a href='https:\/\/itayachtscanada.com\/fr\/listing\/princess-y72-m-y-2024-4695000-usd-for-sale\/capture-decran-le-2025-07-22-a-14-07-26-2\/'><img loading=\"lazy\" decoding=\"async\" width=\"300\" height=\"199\" src=\"https:\/\/i0.wp.com\/itayachtscanada.com\/wp-content\/uploads\/2025\/07\/Capture-decran-le-2025-07-22-a-14.07.26-1.jpg?fit=300%2C199&amp;ssl=1\" class=\"attachment-medium size-medium\" alt=\"\" srcset=\"https:\/\/i0.wp.com\/itayachtscanada.com\/wp-content\/uploads\/2025\/07\/Capture-decran-le-2025-07-22-a-14.07.26-1.jpg?w=1406&amp;ssl=1 1406w, https:\/\/i0.wp.com\/itayachtscanada.com\/wp-content\/uploads\/2025\/07\/Capture-decran-le-2025-07-22-a-14.07.26-1.jpg?resize=300%2C199&amp;ssl=1 300w, https:\/\/i0.wp.com\/itayachtscanada.com\/wp-content\/uploads\/2025\/07\/Capture-decran-le-2025-07-22-a-14.07.26-1.jpg?resize=1024%2C680&amp;ssl=1 1024w, https:\/\/i0.wp.com\/itayachtscanada.com\/wp-content\/uploads\/2025\/07\/Capture-decran-le-2025-07-22-a-14.07.26-1.jpg?resize=768%2C510&amp;ssl=1 768w, https:\/\/i0.wp.com\/itayachtscanada.com\/wp-content\/uploads\/2025\/07\/Capture-decran-le-2025-07-22-a-14.07.26-1.jpg?resize=700%2C465&amp;ssl=1 700w, https:\/\/i0.wp.com\/itayachtscanada.com\/wp-content\/uploads\/2025\/07\/Capture-decran-le-2025-07-22-a-14.07.26-1.jpg?resize=900%2C600&amp;ssl=1 900w, https:\/\/i0.wp.com\/itayachtscanada.com\/wp-content\/uploads\/2025\/07\/Capture-decran-le-2025-07-22-a-14.07.26-1.jpg?resize=602%2C400&amp;ssl=1 602w\" sizes=\"auto, (max-width: 300px) 100vw, 300px\" data-attachment-id=\"281485\" data-permalink=\"https:\/\/itayachtscanada.com\/fr\/listing\/princess-y72-m-y-2024-4695000-usd-for-sale\/capture-decran-le-2025-07-22-a-14-07-26-2\/\" data-orig-file=\"https:\/\/i0.wp.com\/itayachtscanada.com\/wp-content\/uploads\/2025\/07\/Capture-decran-le-2025-07-22-a-14.07.26-1.jpg?fit=1406%2C934&amp;ssl=1\" data-orig-size=\"1406,934\" data-comments-opened=\"1\" data-image-meta=\"{&quot;aperture&quot;:&quot;0&quot;,&quot;credit&quot;:&quot;&quot;,&quot;camera&quot;:&quot;&quot;,&quot;caption&quot;:&quot;&quot;,&quot;created_timestamp&quot;:&quot;0&quot;,&quot;copyright&quot;:&quot;&quot;,&quot;focal_length&quot;:&quot;0&quot;,&quot;iso&quot;:&quot;0&quot;,&quot;shutter_speed&quot;:&quot;0&quot;,&quot;title&quot;:&quot;&quot;,&quot;orientation&quot;:&quot;0&quot;}\" data-image-title=\"Capture d\u2019e\u0301cran, le 2025-07-22 a\u0300 14.07.26\" data-image-description=\"\" data-image-caption=\"\" data-large-file=\"https:\/\/i0.wp.com\/itayachtscanada.com\/wp-content\/uploads\/2025\/07\/Capture-decran-le-2025-07-22-a-14.07.26-1.jpg?fit=700%2C465&amp;ssl=1\" \/><\/a>\n\t\t\t<\/div><\/figure><figure class='gallery-item'>\n\t\t\t<div class='gallery-icon landscape'>\n\t\t\t\t<a href='https:\/\/itayachtscanada.com\/fr\/listing\/princess-y72-m-y-2024-4695000-usd-for-sale\/capture-decran-le-2025-07-22-a-14-07-22-2\/'><img loading=\"lazy\" decoding=\"async\" width=\"300\" height=\"199\" src=\"https:\/\/i0.wp.com\/itayachtscanada.com\/wp-content\/uploads\/2025\/07\/Capture-decran-le-2025-07-22-a-14.07.22-1.jpg?fit=300%2C199&amp;ssl=1\" class=\"attachment-medium size-medium\" alt=\"\" srcset=\"https:\/\/i0.wp.com\/itayachtscanada.com\/wp-content\/uploads\/2025\/07\/Capture-decran-le-2025-07-22-a-14.07.22-1.jpg?w=1406&amp;ssl=1 1406w, https:\/\/i0.wp.com\/itayachtscanada.com\/wp-content\/uploads\/2025\/07\/Capture-decran-le-2025-07-22-a-14.07.22-1.jpg?resize=300%2C199&amp;ssl=1 300w, https:\/\/i0.wp.com\/itayachtscanada.com\/wp-content\/uploads\/2025\/07\/Capture-decran-le-2025-07-22-a-14.07.22-1.jpg?resize=1024%2C680&amp;ssl=1 1024w, https:\/\/i0.wp.com\/itayachtscanada.com\/wp-content\/uploads\/2025\/07\/Capture-decran-le-2025-07-22-a-14.07.22-1.jpg?resize=768%2C510&amp;ssl=1 768w, https:\/\/i0.wp.com\/itayachtscanada.com\/wp-content\/uploads\/2025\/07\/Capture-decran-le-2025-07-22-a-14.07.22-1.jpg?resize=700%2C465&amp;ssl=1 700w, https:\/\/i0.wp.com\/itayachtscanada.com\/wp-content\/uploads\/2025\/07\/Capture-decran-le-2025-07-22-a-14.07.22-1.jpg?resize=900%2C600&amp;ssl=1 900w, https:\/\/i0.wp.com\/itayachtscanada.com\/wp-content\/uploads\/2025\/07\/Capture-decran-le-2025-07-22-a-14.07.22-1.jpg?resize=602%2C400&amp;ssl=1 602w\" sizes=\"auto, (max-width: 300px) 100vw, 300px\" data-attachment-id=\"281486\" data-permalink=\"https:\/\/itayachtscanada.com\/fr\/listing\/princess-y72-m-y-2024-4695000-usd-for-sale\/capture-decran-le-2025-07-22-a-14-07-22-2\/\" data-orig-file=\"https:\/\/i0.wp.com\/itayachtscanada.com\/wp-content\/uploads\/2025\/07\/Capture-decran-le-2025-07-22-a-14.07.22-1.jpg?fit=1406%2C934&amp;ssl=1\" data-orig-size=\"1406,934\" data-comments-opened=\"1\" data-image-meta=\"{&quot;aperture&quot;:&quot;0&quot;,&quot;credit&quot;:&quot;&quot;,&quot;camera&quot;:&quot;&quot;,&quot;caption&quot;:&quot;&quot;,&quot;created_timestamp&quot;:&quot;0&quot;,&quot;copyright&quot;:&quot;&quot;,&quot;focal_length&quot;:&quot;0&quot;,&quot;iso&quot;:&quot;0&quot;,&quot;shutter_speed&quot;:&quot;0&quot;,&quot;title&quot;:&quot;&quot;,&quot;orientation&quot;:&quot;0&quot;}\" data-image-title=\"Capture d\u2019e\u0301cran, le 2025-07-22 a\u0300 14.07.22\" data-image-description=\"\" data-image-caption=\"\" data-large-file=\"https:\/\/i0.wp.com\/itayachtscanada.com\/wp-content\/uploads\/2025\/07\/Capture-decran-le-2025-07-22-a-14.07.22-1.jpg?fit=700%2C465&amp;ssl=1\" \/><\/a>\n\t\t\t<\/div><\/figure><figure class='gallery-item'>\n\t\t\t<div class='gallery-icon landscape'>\n\t\t\t\t<a href='https:\/\/itayachtscanada.com\/fr\/listing\/princess-y72-m-y-2024-4695000-usd-for-sale\/capture-decran-le-2025-07-22-a-14-07-18-2\/'><img loading=\"lazy\" decoding=\"async\" width=\"300\" height=\"199\" src=\"https:\/\/i0.wp.com\/itayachtscanada.com\/wp-content\/uploads\/2025\/07\/Capture-decran-le-2025-07-22-a-14.07.18-1.jpg?fit=300%2C199&amp;ssl=1\" class=\"attachment-medium size-medium\" alt=\"\" srcset=\"https:\/\/i0.wp.com\/itayachtscanada.com\/wp-content\/uploads\/2025\/07\/Capture-decran-le-2025-07-22-a-14.07.18-1.jpg?w=1406&amp;ssl=1 1406w, https:\/\/i0.wp.com\/itayachtscanada.com\/wp-content\/uploads\/2025\/07\/Capture-decran-le-2025-07-22-a-14.07.18-1.jpg?resize=300%2C199&amp;ssl=1 300w, https:\/\/i0.wp.com\/itayachtscanada.com\/wp-content\/uploads\/2025\/07\/Capture-decran-le-2025-07-22-a-14.07.18-1.jpg?resize=1024%2C680&amp;ssl=1 1024w, https:\/\/i0.wp.com\/itayachtscanada.com\/wp-content\/uploads\/2025\/07\/Capture-decran-le-2025-07-22-a-14.07.18-1.jpg?resize=768%2C510&amp;ssl=1 768w, https:\/\/i0.wp.com\/itayachtscanada.com\/wp-content\/uploads\/2025\/07\/Capture-decran-le-2025-07-22-a-14.07.18-1.jpg?resize=700%2C465&amp;ssl=1 700w, https:\/\/i0.wp.com\/itayachtscanada.com\/wp-content\/uploads\/2025\/07\/Capture-decran-le-2025-07-22-a-14.07.18-1.jpg?resize=900%2C600&amp;ssl=1 900w, https:\/\/i0.wp.com\/itayachtscanada.com\/wp-content\/uploads\/2025\/07\/Capture-decran-le-2025-07-22-a-14.07.18-1.jpg?resize=602%2C400&amp;ssl=1 602w\" sizes=\"auto, (max-width: 300px) 100vw, 300px\" data-attachment-id=\"281487\" data-permalink=\"https:\/\/itayachtscanada.com\/fr\/listing\/princess-y72-m-y-2024-4695000-usd-for-sale\/capture-decran-le-2025-07-22-a-14-07-18-2\/\" data-orig-file=\"https:\/\/i0.wp.com\/itayachtscanada.com\/wp-content\/uploads\/2025\/07\/Capture-decran-le-2025-07-22-a-14.07.18-1.jpg?fit=1406%2C934&amp;ssl=1\" data-orig-size=\"1406,934\" data-comments-opened=\"1\" data-image-meta=\"{&quot;aperture&quot;:&quot;0&quot;,&quot;credit&quot;:&quot;&quot;,&quot;camera&quot;:&quot;&quot;,&quot;caption&quot;:&quot;&quot;,&quot;created_timestamp&quot;:&quot;0&quot;,&quot;copyright&quot;:&quot;&quot;,&quot;focal_length&quot;:&quot;0&quot;,&quot;iso&quot;:&quot;0&quot;,&quot;shutter_speed&quot;:&quot;0&quot;,&quot;title&quot;:&quot;&quot;,&quot;orientation&quot;:&quot;0&quot;}\" data-image-title=\"Capture d\u2019e\u0301cran, le 2025-07-22 a\u0300 14.07.18\" data-image-description=\"\" data-image-caption=\"\" data-large-file=\"https:\/\/i0.wp.com\/itayachtscanada.com\/wp-content\/uploads\/2025\/07\/Capture-decran-le-2025-07-22-a-14.07.18-1.jpg?fit=700%2C465&amp;ssl=1\" \/><\/a>\n\t\t\t<\/div><\/figure><figure class='gallery-item'>\n\t\t\t<div class='gallery-icon landscape'>\n\t\t\t\t<a href='https:\/\/itayachtscanada.com\/fr\/listing\/princess-y72-m-y-2024-4695000-usd-for-sale\/capture-decran-le-2025-07-22-a-14-07-14-2\/'><img loading=\"lazy\" decoding=\"async\" width=\"300\" height=\"199\" src=\"https:\/\/i0.wp.com\/itayachtscanada.com\/wp-content\/uploads\/2025\/07\/Capture-decran-le-2025-07-22-a-14.07.14-1.jpg?fit=300%2C199&amp;ssl=1\" class=\"attachment-medium size-medium\" alt=\"\" srcset=\"https:\/\/i0.wp.com\/itayachtscanada.com\/wp-content\/uploads\/2025\/07\/Capture-decran-le-2025-07-22-a-14.07.14-1.jpg?w=1406&amp;ssl=1 1406w, https:\/\/i0.wp.com\/itayachtscanada.com\/wp-content\/uploads\/2025\/07\/Capture-decran-le-2025-07-22-a-14.07.14-1.jpg?resize=300%2C199&amp;ssl=1 300w, https:\/\/i0.wp.com\/itayachtscanada.com\/wp-content\/uploads\/2025\/07\/Capture-decran-le-2025-07-22-a-14.07.14-1.jpg?resize=1024%2C680&amp;ssl=1 1024w, https:\/\/i0.wp.com\/itayachtscanada.com\/wp-content\/uploads\/2025\/07\/Capture-decran-le-2025-07-22-a-14.07.14-1.jpg?resize=768%2C510&amp;ssl=1 768w, https:\/\/i0.wp.com\/itayachtscanada.com\/wp-content\/uploads\/2025\/07\/Capture-decran-le-2025-07-22-a-14.07.14-1.jpg?resize=700%2C465&amp;ssl=1 700w, https:\/\/i0.wp.com\/itayachtscanada.com\/wp-content\/uploads\/2025\/07\/Capture-decran-le-2025-07-22-a-14.07.14-1.jpg?resize=900%2C600&amp;ssl=1 900w, https:\/\/i0.wp.com\/itayachtscanada.com\/wp-content\/uploads\/2025\/07\/Capture-decran-le-2025-07-22-a-14.07.14-1.jpg?resize=602%2C400&amp;ssl=1 602w\" sizes=\"auto, (max-width: 300px) 100vw, 300px\" data-attachment-id=\"281488\" data-permalink=\"https:\/\/itayachtscanada.com\/fr\/listing\/princess-y72-m-y-2024-4695000-usd-for-sale\/capture-decran-le-2025-07-22-a-14-07-14-2\/\" data-orig-file=\"https:\/\/i0.wp.com\/itayachtscanada.com\/wp-content\/uploads\/2025\/07\/Capture-decran-le-2025-07-22-a-14.07.14-1.jpg?fit=1406%2C934&amp;ssl=1\" data-orig-size=\"1406,934\" data-comments-opened=\"1\" data-image-meta=\"{&quot;aperture&quot;:&quot;0&quot;,&quot;credit&quot;:&quot;&quot;,&quot;camera&quot;:&quot;&quot;,&quot;caption&quot;:&quot;&quot;,&quot;created_timestamp&quot;:&quot;0&quot;,&quot;copyright&quot;:&quot;&quot;,&quot;focal_length&quot;:&quot;0&quot;,&quot;iso&quot;:&quot;0&quot;,&quot;shutter_speed&quot;:&quot;0&quot;,&quot;title&quot;:&quot;&quot;,&quot;orientation&quot;:&quot;0&quot;}\" data-image-title=\"Capture d\u2019e\u0301cran, le 2025-07-22 a\u0300 14.07.14\" data-image-description=\"\" data-image-caption=\"\" data-large-file=\"https:\/\/i0.wp.com\/itayachtscanada.com\/wp-content\/uploads\/2025\/07\/Capture-decran-le-2025-07-22-a-14.07.14-1.jpg?fit=700%2C465&amp;ssl=1\" \/><\/a>\n\t\t\t<\/div><\/figure><figure class='gallery-item'>\n\t\t\t<div class='gallery-icon landscape'>\n\t\t\t\t<a href='https:\/\/itayachtscanada.com\/fr\/listing\/princess-y72-m-y-2024-4695000-usd-for-sale\/capture-decran-le-2025-07-22-a-14-08-08-2\/'><img loading=\"lazy\" decoding=\"async\" width=\"300\" height=\"199\" src=\"https:\/\/i0.wp.com\/itayachtscanada.com\/wp-content\/uploads\/2025\/07\/Capture-decran-le-2025-07-22-a-14.08.08-1.jpg?fit=300%2C199&amp;ssl=1\" class=\"attachment-medium size-medium\" alt=\"\" srcset=\"https:\/\/i0.wp.com\/itayachtscanada.com\/wp-content\/uploads\/2025\/07\/Capture-decran-le-2025-07-22-a-14.08.08-1.jpg?w=1406&amp;ssl=1 1406w, https:\/\/i0.wp.com\/itayachtscanada.com\/wp-content\/uploads\/2025\/07\/Capture-decran-le-2025-07-22-a-14.08.08-1.jpg?resize=300%2C199&amp;ssl=1 300w, https:\/\/i0.wp.com\/itayachtscanada.com\/wp-content\/uploads\/2025\/07\/Capture-decran-le-2025-07-22-a-14.08.08-1.jpg?resize=1024%2C680&amp;ssl=1 1024w, https:\/\/i0.wp.com\/itayachtscanada.com\/wp-content\/uploads\/2025\/07\/Capture-decran-le-2025-07-22-a-14.08.08-1.jpg?resize=768%2C510&amp;ssl=1 768w, https:\/\/i0.wp.com\/itayachtscanada.com\/wp-content\/uploads\/2025\/07\/Capture-decran-le-2025-07-22-a-14.08.08-1.jpg?resize=700%2C465&amp;ssl=1 700w, https:\/\/i0.wp.com\/itayachtscanada.com\/wp-content\/uploads\/2025\/07\/Capture-decran-le-2025-07-22-a-14.08.08-1.jpg?resize=900%2C600&amp;ssl=1 900w, https:\/\/i0.wp.com\/itayachtscanada.com\/wp-content\/uploads\/2025\/07\/Capture-decran-le-2025-07-22-a-14.08.08-1.jpg?resize=602%2C400&amp;ssl=1 602w\" sizes=\"auto, (max-width: 300px) 100vw, 300px\" data-attachment-id=\"281477\" data-permalink=\"https:\/\/itayachtscanada.com\/fr\/listing\/princess-y72-m-y-2024-4695000-usd-for-sale\/capture-decran-le-2025-07-22-a-14-08-08-2\/\" data-orig-file=\"https:\/\/i0.wp.com\/itayachtscanada.com\/wp-content\/uploads\/2025\/07\/Capture-decran-le-2025-07-22-a-14.08.08-1.jpg?fit=1406%2C934&amp;ssl=1\" data-orig-size=\"1406,934\" data-comments-opened=\"1\" data-image-meta=\"{&quot;aperture&quot;:&quot;0&quot;,&quot;credit&quot;:&quot;&quot;,&quot;camera&quot;:&quot;&quot;,&quot;caption&quot;:&quot;&quot;,&quot;created_timestamp&quot;:&quot;0&quot;,&quot;copyright&quot;:&quot;&quot;,&quot;focal_length&quot;:&quot;0&quot;,&quot;iso&quot;:&quot;0&quot;,&quot;shutter_speed&quot;:&quot;0&quot;,&quot;title&quot;:&quot;&quot;,&quot;orientation&quot;:&quot;0&quot;}\" data-image-title=\"Capture d\u2019e\u0301cran, le 2025-07-22 a\u0300 14.08.08\" data-image-description=\"\" data-image-caption=\"\" data-large-file=\"https:\/\/i0.wp.com\/itayachtscanada.com\/wp-content\/uploads\/2025\/07\/Capture-decran-le-2025-07-22-a-14.08.08-1.jpg?fit=700%2C465&amp;ssl=1\" \/><\/a>\n\t\t\t<\/div><\/figure><figure class='gallery-item'>\n\t\t\t<div class='gallery-icon landscape'>\n\t\t\t\t<a href='https:\/\/itayachtscanada.com\/fr\/listing\/princess-y72-m-y-2024-4695000-usd-for-sale\/capture-decran-le-2025-07-22-a-14-09-47-2\/'><img loading=\"lazy\" decoding=\"async\" width=\"300\" height=\"223\" src=\"https:\/\/i0.wp.com\/itayachtscanada.com\/wp-content\/uploads\/2025\/07\/Capture-decran-le-2025-07-22-a-14.09.47-1.jpg?fit=300%2C223&amp;ssl=1\" class=\"attachment-medium size-medium\" alt=\"\" srcset=\"https:\/\/i0.wp.com\/itayachtscanada.com\/wp-content\/uploads\/2025\/07\/Capture-decran-le-2025-07-22-a-14.09.47-1.jpg?w=1256&amp;ssl=1 1256w, https:\/\/i0.wp.com\/itayachtscanada.com\/wp-content\/uploads\/2025\/07\/Capture-decran-le-2025-07-22-a-14.09.47-1.jpg?resize=300%2C223&amp;ssl=1 300w, https:\/\/i0.wp.com\/itayachtscanada.com\/wp-content\/uploads\/2025\/07\/Capture-decran-le-2025-07-22-a-14.09.47-1.jpg?resize=1024%2C761&amp;ssl=1 1024w, https:\/\/i0.wp.com\/itayachtscanada.com\/wp-content\/uploads\/2025\/07\/Capture-decran-le-2025-07-22-a-14.09.47-1.jpg?resize=768%2C571&amp;ssl=1 768w, https:\/\/i0.wp.com\/itayachtscanada.com\/wp-content\/uploads\/2025\/07\/Capture-decran-le-2025-07-22-a-14.09.47-1.jpg?resize=700%2C521&amp;ssl=1 700w, https:\/\/i0.wp.com\/itayachtscanada.com\/wp-content\/uploads\/2025\/07\/Capture-decran-le-2025-07-22-a-14.09.47-1.jpg?resize=538%2C400&amp;ssl=1 538w\" sizes=\"auto, (max-width: 300px) 100vw, 300px\" data-attachment-id=\"281466\" data-permalink=\"https:\/\/itayachtscanada.com\/fr\/listing\/princess-y72-m-y-2024-4695000-usd-for-sale\/capture-decran-le-2025-07-22-a-14-09-47-2\/\" data-orig-file=\"https:\/\/i0.wp.com\/itayachtscanada.com\/wp-content\/uploads\/2025\/07\/Capture-decran-le-2025-07-22-a-14.09.47-1.jpg?fit=1256%2C934&amp;ssl=1\" data-orig-size=\"1256,934\" data-comments-opened=\"1\" data-image-meta=\"{&quot;aperture&quot;:&quot;0&quot;,&quot;credit&quot;:&quot;&quot;,&quot;camera&quot;:&quot;&quot;,&quot;caption&quot;:&quot;&quot;,&quot;created_timestamp&quot;:&quot;0&quot;,&quot;copyright&quot;:&quot;&quot;,&quot;focal_length&quot;:&quot;0&quot;,&quot;iso&quot;:&quot;0&quot;,&quot;shutter_speed&quot;:&quot;0&quot;,&quot;title&quot;:&quot;&quot;,&quot;orientation&quot;:&quot;0&quot;}\" data-image-title=\"Capture d\u2019e\u0301cran, le 2025-07-22 a\u0300 14.09.47\" data-image-description=\"\" data-image-caption=\"\" data-large-file=\"https:\/\/i0.wp.com\/itayachtscanada.com\/wp-content\/uploads\/2025\/07\/Capture-decran-le-2025-07-22-a-14.09.47-1.jpg?fit=700%2C520&amp;ssl=1\" \/><\/a>\n\t\t\t<\/div><\/figure><figure class='gallery-item'>\n\t\t\t<div class='gallery-icon landscape'>\n\t\t\t\t<a href='https:\/\/itayachtscanada.com\/fr\/listing\/princess-y72-m-y-2024-4695000-usd-for-sale\/capture-decran-le-2025-07-22-a-14-08-38-2\/'><img loading=\"lazy\" decoding=\"async\" width=\"300\" height=\"223\" src=\"https:\/\/i0.wp.com\/itayachtscanada.com\/wp-content\/uploads\/2025\/07\/Capture-decran-le-2025-07-22-a-14.08.38-1.jpg?fit=300%2C223&amp;ssl=1\" class=\"attachment-medium size-medium\" alt=\"\" srcset=\"https:\/\/i0.wp.com\/itayachtscanada.com\/wp-content\/uploads\/2025\/07\/Capture-decran-le-2025-07-22-a-14.08.38-1.jpg?w=1254&amp;ssl=1 1254w, https:\/\/i0.wp.com\/itayachtscanada.com\/wp-content\/uploads\/2025\/07\/Capture-decran-le-2025-07-22-a-14.08.38-1.jpg?resize=300%2C223&amp;ssl=1 300w, https:\/\/i0.wp.com\/itayachtscanada.com\/wp-content\/uploads\/2025\/07\/Capture-decran-le-2025-07-22-a-14.08.38-1.jpg?resize=1024%2C763&amp;ssl=1 1024w, https:\/\/i0.wp.com\/itayachtscanada.com\/wp-content\/uploads\/2025\/07\/Capture-decran-le-2025-07-22-a-14.08.38-1.jpg?resize=768%2C572&amp;ssl=1 768w, https:\/\/i0.wp.com\/itayachtscanada.com\/wp-content\/uploads\/2025\/07\/Capture-decran-le-2025-07-22-a-14.08.38-1.jpg?resize=700%2C521&amp;ssl=1 700w, https:\/\/i0.wp.com\/itayachtscanada.com\/wp-content\/uploads\/2025\/07\/Capture-decran-le-2025-07-22-a-14.08.38-1.jpg?resize=537%2C400&amp;ssl=1 537w\" sizes=\"auto, (max-width: 300px) 100vw, 300px\" data-attachment-id=\"281475\" data-permalink=\"https:\/\/itayachtscanada.com\/fr\/listing\/princess-y72-m-y-2024-4695000-usd-for-sale\/capture-decran-le-2025-07-22-a-14-08-38-2\/\" data-orig-file=\"https:\/\/i0.wp.com\/itayachtscanada.com\/wp-content\/uploads\/2025\/07\/Capture-decran-le-2025-07-22-a-14.08.38-1.jpg?fit=1254%2C934&amp;ssl=1\" data-orig-size=\"1254,934\" data-comments-opened=\"1\" data-image-meta=\"{&quot;aperture&quot;:&quot;0&quot;,&quot;credit&quot;:&quot;&quot;,&quot;camera&quot;:&quot;&quot;,&quot;caption&quot;:&quot;&quot;,&quot;created_timestamp&quot;:&quot;0&quot;,&quot;copyright&quot;:&quot;&quot;,&quot;focal_length&quot;:&quot;0&quot;,&quot;iso&quot;:&quot;0&quot;,&quot;shutter_speed&quot;:&quot;0&quot;,&quot;title&quot;:&quot;&quot;,&quot;orientation&quot;:&quot;0&quot;}\" data-image-title=\"Capture d\u2019e\u0301cran, le 2025-07-22 a\u0300 14.08.38\" data-image-description=\"\" data-image-caption=\"\" data-large-file=\"https:\/\/i0.wp.com\/itayachtscanada.com\/wp-content\/uploads\/2025\/07\/Capture-decran-le-2025-07-22-a-14.08.38-1.jpg?fit=700%2C522&amp;ssl=1\" \/><\/a>\n\t\t\t<\/div><\/figure><figure class='gallery-item'>\n\t\t\t<div class='gallery-icon landscape'>\n\t\t\t\t<a href='https:\/\/itayachtscanada.com\/fr\/listing\/princess-y72-m-y-2024-4695000-usd-for-sale\/capture-decran-le-2025-07-22-a-14-06-24-2\/'><img loading=\"lazy\" decoding=\"async\" width=\"300\" height=\"199\" src=\"https:\/\/i0.wp.com\/itayachtscanada.com\/wp-content\/uploads\/2025\/07\/Capture-decran-le-2025-07-22-a-14.06.24-1.jpg?fit=300%2C199&amp;ssl=1\" class=\"attachment-medium size-medium\" alt=\"\" srcset=\"https:\/\/i0.wp.com\/itayachtscanada.com\/wp-content\/uploads\/2025\/07\/Capture-decran-le-2025-07-22-a-14.06.24-1.jpg?w=1406&amp;ssl=1 1406w, https:\/\/i0.wp.com\/itayachtscanada.com\/wp-content\/uploads\/2025\/07\/Capture-decran-le-2025-07-22-a-14.06.24-1.jpg?resize=300%2C199&amp;ssl=1 300w, https:\/\/i0.wp.com\/itayachtscanada.com\/wp-content\/uploads\/2025\/07\/Capture-decran-le-2025-07-22-a-14.06.24-1.jpg?resize=1024%2C680&amp;ssl=1 1024w, https:\/\/i0.wp.com\/itayachtscanada.com\/wp-content\/uploads\/2025\/07\/Capture-decran-le-2025-07-22-a-14.06.24-1.jpg?resize=768%2C510&amp;ssl=1 768w, https:\/\/i0.wp.com\/itayachtscanada.com\/wp-content\/uploads\/2025\/07\/Capture-decran-le-2025-07-22-a-14.06.24-1.jpg?resize=700%2C465&amp;ssl=1 700w, https:\/\/i0.wp.com\/itayachtscanada.com\/wp-content\/uploads\/2025\/07\/Capture-decran-le-2025-07-22-a-14.06.24-1.jpg?resize=900%2C600&amp;ssl=1 900w, https:\/\/i0.wp.com\/itayachtscanada.com\/wp-content\/uploads\/2025\/07\/Capture-decran-le-2025-07-22-a-14.06.24-1.jpg?resize=602%2C400&amp;ssl=1 602w\" sizes=\"auto, (max-width: 300px) 100vw, 300px\" data-attachment-id=\"281494\" data-permalink=\"https:\/\/itayachtscanada.com\/fr\/listing\/princess-y72-m-y-2024-4695000-usd-for-sale\/capture-decran-le-2025-07-22-a-14-06-24-2\/\" data-orig-file=\"https:\/\/i0.wp.com\/itayachtscanada.com\/wp-content\/uploads\/2025\/07\/Capture-decran-le-2025-07-22-a-14.06.24-1.jpg?fit=1406%2C934&amp;ssl=1\" data-orig-size=\"1406,934\" data-comments-opened=\"1\" data-image-meta=\"{&quot;aperture&quot;:&quot;0&quot;,&quot;credit&quot;:&quot;&quot;,&quot;camera&quot;:&quot;&quot;,&quot;caption&quot;:&quot;&quot;,&quot;created_timestamp&quot;:&quot;0&quot;,&quot;copyright&quot;:&quot;&quot;,&quot;focal_length&quot;:&quot;0&quot;,&quot;iso&quot;:&quot;0&quot;,&quot;shutter_speed&quot;:&quot;0&quot;,&quot;title&quot;:&quot;&quot;,&quot;orientation&quot;:&quot;0&quot;}\" data-image-title=\"Capture d\u2019e\u0301cran, le 2025-07-22 a\u0300 14.06.24\" data-image-description=\"\" data-image-caption=\"\" data-large-file=\"https:\/\/i0.wp.com\/itayachtscanada.com\/wp-content\/uploads\/2025\/07\/Capture-decran-le-2025-07-22-a-14.06.24-1.jpg?fit=700%2C465&amp;ssl=1\" \/><\/a>\n\t\t\t<\/div><\/figure><figure class='gallery-item'>\n\t\t\t<div class='gallery-icon landscape'>\n\t\t\t\t<a href='https:\/\/itayachtscanada.com\/fr\/listing\/princess-y72-m-y-2024-4695000-usd-for-sale\/capture-decran-le-2025-07-22-a-14-06-20-2\/'><img loading=\"lazy\" decoding=\"async\" width=\"300\" height=\"199\" src=\"https:\/\/i0.wp.com\/itayachtscanada.com\/wp-content\/uploads\/2025\/07\/Capture-decran-le-2025-07-22-a-14.06.20-1.jpg?fit=300%2C199&amp;ssl=1\" class=\"attachment-medium size-medium\" alt=\"\" srcset=\"https:\/\/i0.wp.com\/itayachtscanada.com\/wp-content\/uploads\/2025\/07\/Capture-decran-le-2025-07-22-a-14.06.20-1.jpg?w=1406&amp;ssl=1 1406w, https:\/\/i0.wp.com\/itayachtscanada.com\/wp-content\/uploads\/2025\/07\/Capture-decran-le-2025-07-22-a-14.06.20-1.jpg?resize=300%2C199&amp;ssl=1 300w, https:\/\/i0.wp.com\/itayachtscanada.com\/wp-content\/uploads\/2025\/07\/Capture-decran-le-2025-07-22-a-14.06.20-1.jpg?resize=1024%2C680&amp;ssl=1 1024w, https:\/\/i0.wp.com\/itayachtscanada.com\/wp-content\/uploads\/2025\/07\/Capture-decran-le-2025-07-22-a-14.06.20-1.jpg?resize=768%2C510&amp;ssl=1 768w, https:\/\/i0.wp.com\/itayachtscanada.com\/wp-content\/uploads\/2025\/07\/Capture-decran-le-2025-07-22-a-14.06.20-1.jpg?resize=700%2C465&amp;ssl=1 700w, https:\/\/i0.wp.com\/itayachtscanada.com\/wp-content\/uploads\/2025\/07\/Capture-decran-le-2025-07-22-a-14.06.20-1.jpg?resize=900%2C600&amp;ssl=1 900w, https:\/\/i0.wp.com\/itayachtscanada.com\/wp-content\/uploads\/2025\/07\/Capture-decran-le-2025-07-22-a-14.06.20-1.jpg?resize=602%2C400&amp;ssl=1 602w\" sizes=\"auto, (max-width: 300px) 100vw, 300px\" data-attachment-id=\"281495\" data-permalink=\"https:\/\/itayachtscanada.com\/fr\/listing\/princess-y72-m-y-2024-4695000-usd-for-sale\/capture-decran-le-2025-07-22-a-14-06-20-2\/\" data-orig-file=\"https:\/\/i0.wp.com\/itayachtscanada.com\/wp-content\/uploads\/2025\/07\/Capture-decran-le-2025-07-22-a-14.06.20-1.jpg?fit=1406%2C934&amp;ssl=1\" data-orig-size=\"1406,934\" data-comments-opened=\"1\" data-image-meta=\"{&quot;aperture&quot;:&quot;0&quot;,&quot;credit&quot;:&quot;&quot;,&quot;camera&quot;:&quot;&quot;,&quot;caption&quot;:&quot;&quot;,&quot;created_timestamp&quot;:&quot;0&quot;,&quot;copyright&quot;:&quot;&quot;,&quot;focal_length&quot;:&quot;0&quot;,&quot;iso&quot;:&quot;0&quot;,&quot;shutter_speed&quot;:&quot;0&quot;,&quot;title&quot;:&quot;&quot;,&quot;orientation&quot;:&quot;0&quot;}\" data-image-title=\"Capture d\u2019e\u0301cran, le 2025-07-22 a\u0300 14.06.20\" data-image-description=\"\" data-image-caption=\"\" data-large-file=\"https:\/\/i0.wp.com\/itayachtscanada.com\/wp-content\/uploads\/2025\/07\/Capture-decran-le-2025-07-22-a-14.06.20-1.jpg?fit=700%2C465&amp;ssl=1\" \/><\/a>\n\t\t\t<\/div><\/figure><figure class='gallery-item'>\n\t\t\t<div class='gallery-icon landscape'>\n\t\t\t\t<a href='https:\/\/itayachtscanada.com\/fr\/listing\/princess-y72-m-y-2024-4695000-usd-for-sale\/capture-decran-le-2025-07-22-a-14-06-42-2\/'><img loading=\"lazy\" decoding=\"async\" width=\"300\" height=\"199\" src=\"https:\/\/i0.wp.com\/itayachtscanada.com\/wp-content\/uploads\/2025\/07\/Capture-decran-le-2025-07-22-a-14.06.42-1.jpg?fit=300%2C199&amp;ssl=1\" class=\"attachment-medium size-medium\" alt=\"\" srcset=\"https:\/\/i0.wp.com\/itayachtscanada.com\/wp-content\/uploads\/2025\/07\/Capture-decran-le-2025-07-22-a-14.06.42-1.jpg?w=1406&amp;ssl=1 1406w, https:\/\/i0.wp.com\/itayachtscanada.com\/wp-content\/uploads\/2025\/07\/Capture-decran-le-2025-07-22-a-14.06.42-1.jpg?resize=300%2C199&amp;ssl=1 300w, https:\/\/i0.wp.com\/itayachtscanada.com\/wp-content\/uploads\/2025\/07\/Capture-decran-le-2025-07-22-a-14.06.42-1.jpg?resize=1024%2C680&amp;ssl=1 1024w, https:\/\/i0.wp.com\/itayachtscanada.com\/wp-content\/uploads\/2025\/07\/Capture-decran-le-2025-07-22-a-14.06.42-1.jpg?resize=768%2C510&amp;ssl=1 768w, https:\/\/i0.wp.com\/itayachtscanada.com\/wp-content\/uploads\/2025\/07\/Capture-decran-le-2025-07-22-a-14.06.42-1.jpg?resize=700%2C465&amp;ssl=1 700w, https:\/\/i0.wp.com\/itayachtscanada.com\/wp-content\/uploads\/2025\/07\/Capture-decran-le-2025-07-22-a-14.06.42-1.jpg?resize=900%2C600&amp;ssl=1 900w, https:\/\/i0.wp.com\/itayachtscanada.com\/wp-content\/uploads\/2025\/07\/Capture-decran-le-2025-07-22-a-14.06.42-1.jpg?resize=602%2C400&amp;ssl=1 602w\" sizes=\"auto, (max-width: 300px) 100vw, 300px\" data-attachment-id=\"281490\" data-permalink=\"https:\/\/itayachtscanada.com\/fr\/listing\/princess-y72-m-y-2024-4695000-usd-for-sale\/capture-decran-le-2025-07-22-a-14-06-42-2\/\" data-orig-file=\"https:\/\/i0.wp.com\/itayachtscanada.com\/wp-content\/uploads\/2025\/07\/Capture-decran-le-2025-07-22-a-14.06.42-1.jpg?fit=1406%2C934&amp;ssl=1\" data-orig-size=\"1406,934\" data-comments-opened=\"1\" data-image-meta=\"{&quot;aperture&quot;:&quot;0&quot;,&quot;credit&quot;:&quot;&quot;,&quot;camera&quot;:&quot;&quot;,&quot;caption&quot;:&quot;&quot;,&quot;created_timestamp&quot;:&quot;0&quot;,&quot;copyright&quot;:&quot;&quot;,&quot;focal_length&quot;:&quot;0&quot;,&quot;iso&quot;:&quot;0&quot;,&quot;shutter_speed&quot;:&quot;0&quot;,&quot;title&quot;:&quot;&quot;,&quot;orientation&quot;:&quot;0&quot;}\" data-image-title=\"Capture d\u2019e\u0301cran, le 2025-07-22 a\u0300 14.06.42\" data-image-description=\"\" data-image-caption=\"\" data-large-file=\"https:\/\/i0.wp.com\/itayachtscanada.com\/wp-content\/uploads\/2025\/07\/Capture-decran-le-2025-07-22-a-14.06.42-1.jpg?fit=700%2C465&amp;ssl=1\" \/><\/a>\n\t\t\t<\/div><\/figure><figure class='gallery-item'>\n\t\t\t<div class='gallery-icon landscape'>\n\t\t\t\t<a href='https:\/\/itayachtscanada.com\/fr\/listing\/princess-y72-m-y-2024-4695000-usd-for-sale\/capture-decran-le-2025-07-22-a-14-06-11-2\/'><img loading=\"lazy\" decoding=\"async\" width=\"300\" height=\"199\" src=\"https:\/\/i0.wp.com\/itayachtscanada.com\/wp-content\/uploads\/2025\/07\/Capture-decran-le-2025-07-22-a-14.06.11-1.jpg?fit=300%2C199&amp;ssl=1\" class=\"attachment-medium size-medium\" alt=\"\" srcset=\"https:\/\/i0.wp.com\/itayachtscanada.com\/wp-content\/uploads\/2025\/07\/Capture-decran-le-2025-07-22-a-14.06.11-1.jpg?w=1406&amp;ssl=1 1406w, https:\/\/i0.wp.com\/itayachtscanada.com\/wp-content\/uploads\/2025\/07\/Capture-decran-le-2025-07-22-a-14.06.11-1.jpg?resize=300%2C199&amp;ssl=1 300w, https:\/\/i0.wp.com\/itayachtscanada.com\/wp-content\/uploads\/2025\/07\/Capture-decran-le-2025-07-22-a-14.06.11-1.jpg?resize=1024%2C680&amp;ssl=1 1024w, https:\/\/i0.wp.com\/itayachtscanada.com\/wp-content\/uploads\/2025\/07\/Capture-decran-le-2025-07-22-a-14.06.11-1.jpg?resize=768%2C510&amp;ssl=1 768w, https:\/\/i0.wp.com\/itayachtscanada.com\/wp-content\/uploads\/2025\/07\/Capture-decran-le-2025-07-22-a-14.06.11-1.jpg?resize=700%2C465&amp;ssl=1 700w, https:\/\/i0.wp.com\/itayachtscanada.com\/wp-content\/uploads\/2025\/07\/Capture-decran-le-2025-07-22-a-14.06.11-1.jpg?resize=900%2C600&amp;ssl=1 900w, https:\/\/i0.wp.com\/itayachtscanada.com\/wp-content\/uploads\/2025\/07\/Capture-decran-le-2025-07-22-a-14.06.11-1.jpg?resize=602%2C400&amp;ssl=1 602w\" sizes=\"auto, (max-width: 300px) 100vw, 300px\" data-attachment-id=\"281497\" data-permalink=\"https:\/\/itayachtscanada.com\/fr\/listing\/princess-y72-m-y-2024-4695000-usd-for-sale\/capture-decran-le-2025-07-22-a-14-06-11-2\/\" data-orig-file=\"https:\/\/i0.wp.com\/itayachtscanada.com\/wp-content\/uploads\/2025\/07\/Capture-decran-le-2025-07-22-a-14.06.11-1.jpg?fit=1406%2C934&amp;ssl=1\" data-orig-size=\"1406,934\" data-comments-opened=\"1\" data-image-meta=\"{&quot;aperture&quot;:&quot;0&quot;,&quot;credit&quot;:&quot;&quot;,&quot;camera&quot;:&quot;&quot;,&quot;caption&quot;:&quot;&quot;,&quot;created_timestamp&quot;:&quot;0&quot;,&quot;copyright&quot;:&quot;&quot;,&quot;focal_length&quot;:&quot;0&quot;,&quot;iso&quot;:&quot;0&quot;,&quot;shutter_speed&quot;:&quot;0&quot;,&quot;title&quot;:&quot;&quot;,&quot;orientation&quot;:&quot;0&quot;}\" data-image-title=\"Capture d\u2019e\u0301cran, le 2025-07-22 a\u0300 14.06.11\" data-image-description=\"\" data-image-caption=\"\" data-large-file=\"https:\/\/i0.wp.com\/itayachtscanada.com\/wp-content\/uploads\/2025\/07\/Capture-decran-le-2025-07-22-a-14.06.11-1.jpg?fit=700%2C465&amp;ssl=1\" \/><\/a>\n\t\t\t<\/div><\/figure><figure class='gallery-item'>\n\t\t\t<div class='gallery-icon landscape'>\n\t\t\t\t<a href='https:\/\/itayachtscanada.com\/fr\/listing\/princess-y72-m-y-2024-4695000-usd-for-sale\/capture-decran-le-2025-07-22-a-14-06-15-2\/'><img loading=\"lazy\" decoding=\"async\" width=\"300\" height=\"199\" src=\"https:\/\/i0.wp.com\/itayachtscanada.com\/wp-content\/uploads\/2025\/07\/Capture-decran-le-2025-07-22-a-14.06.15-1.jpg?fit=300%2C199&amp;ssl=1\" class=\"attachment-medium size-medium\" alt=\"\" srcset=\"https:\/\/i0.wp.com\/itayachtscanada.com\/wp-content\/uploads\/2025\/07\/Capture-decran-le-2025-07-22-a-14.06.15-1.jpg?w=1406&amp;ssl=1 1406w, https:\/\/i0.wp.com\/itayachtscanada.com\/wp-content\/uploads\/2025\/07\/Capture-decran-le-2025-07-22-a-14.06.15-1.jpg?resize=300%2C199&amp;ssl=1 300w, https:\/\/i0.wp.com\/itayachtscanada.com\/wp-content\/uploads\/2025\/07\/Capture-decran-le-2025-07-22-a-14.06.15-1.jpg?resize=1024%2C680&amp;ssl=1 1024w, https:\/\/i0.wp.com\/itayachtscanada.com\/wp-content\/uploads\/2025\/07\/Capture-decran-le-2025-07-22-a-14.06.15-1.jpg?resize=768%2C510&amp;ssl=1 768w, https:\/\/i0.wp.com\/itayachtscanada.com\/wp-content\/uploads\/2025\/07\/Capture-decran-le-2025-07-22-a-14.06.15-1.jpg?resize=700%2C465&amp;ssl=1 700w, https:\/\/i0.wp.com\/itayachtscanada.com\/wp-content\/uploads\/2025\/07\/Capture-decran-le-2025-07-22-a-14.06.15-1.jpg?resize=900%2C600&amp;ssl=1 900w, https:\/\/i0.wp.com\/itayachtscanada.com\/wp-content\/uploads\/2025\/07\/Capture-decran-le-2025-07-22-a-14.06.15-1.jpg?resize=602%2C400&amp;ssl=1 602w\" sizes=\"auto, (max-width: 300px) 100vw, 300px\" data-attachment-id=\"281496\" data-permalink=\"https:\/\/itayachtscanada.com\/fr\/listing\/princess-y72-m-y-2024-4695000-usd-for-sale\/capture-decran-le-2025-07-22-a-14-06-15-2\/\" data-orig-file=\"https:\/\/i0.wp.com\/itayachtscanada.com\/wp-content\/uploads\/2025\/07\/Capture-decran-le-2025-07-22-a-14.06.15-1.jpg?fit=1406%2C934&amp;ssl=1\" data-orig-size=\"1406,934\" data-comments-opened=\"1\" data-image-meta=\"{&quot;aperture&quot;:&quot;0&quot;,&quot;credit&quot;:&quot;&quot;,&quot;camera&quot;:&quot;&quot;,&quot;caption&quot;:&quot;&quot;,&quot;created_timestamp&quot;:&quot;0&quot;,&quot;copyright&quot;:&quot;&quot;,&quot;focal_length&quot;:&quot;0&quot;,&quot;iso&quot;:&quot;0&quot;,&quot;shutter_speed&quot;:&quot;0&quot;,&quot;title&quot;:&quot;&quot;,&quot;orientation&quot;:&quot;0&quot;}\" data-image-title=\"Capture d\u2019e\u0301cran, le 2025-07-22 a\u0300 14.06.15\" data-image-description=\"\" data-image-caption=\"\" data-large-file=\"https:\/\/i0.wp.com\/itayachtscanada.com\/wp-content\/uploads\/2025\/07\/Capture-decran-le-2025-07-22-a-14.06.15-1.jpg?fit=700%2C465&amp;ssl=1\" \/><\/a>\n\t\t\t<\/div><\/figure><figure class='gallery-item'>\n\t\t\t<div class='gallery-icon landscape'>\n\t\t\t\t<a href='https:\/\/itayachtscanada.com\/fr\/listing\/princess-y72-m-y-2024-4695000-usd-for-sale\/capture-decran-le-2025-07-22-a-14-06-28-2\/'><img loading=\"lazy\" decoding=\"async\" width=\"300\" height=\"199\" src=\"https:\/\/i0.wp.com\/itayachtscanada.com\/wp-content\/uploads\/2025\/07\/Capture-decran-le-2025-07-22-a-14.06.28-1.jpg?fit=300%2C199&amp;ssl=1\" class=\"attachment-medium size-medium\" alt=\"\" srcset=\"https:\/\/i0.wp.com\/itayachtscanada.com\/wp-content\/uploads\/2025\/07\/Capture-decran-le-2025-07-22-a-14.06.28-1.jpg?w=1406&amp;ssl=1 1406w, https:\/\/i0.wp.com\/itayachtscanada.com\/wp-content\/uploads\/2025\/07\/Capture-decran-le-2025-07-22-a-14.06.28-1.jpg?resize=300%2C199&amp;ssl=1 300w, https:\/\/i0.wp.com\/itayachtscanada.com\/wp-content\/uploads\/2025\/07\/Capture-decran-le-2025-07-22-a-14.06.28-1.jpg?resize=1024%2C680&amp;ssl=1 1024w, https:\/\/i0.wp.com\/itayachtscanada.com\/wp-content\/uploads\/2025\/07\/Capture-decran-le-2025-07-22-a-14.06.28-1.jpg?resize=768%2C510&amp;ssl=1 768w, https:\/\/i0.wp.com\/itayachtscanada.com\/wp-content\/uploads\/2025\/07\/Capture-decran-le-2025-07-22-a-14.06.28-1.jpg?resize=700%2C465&amp;ssl=1 700w, https:\/\/i0.wp.com\/itayachtscanada.com\/wp-content\/uploads\/2025\/07\/Capture-decran-le-2025-07-22-a-14.06.28-1.jpg?resize=900%2C600&amp;ssl=1 900w, https:\/\/i0.wp.com\/itayachtscanada.com\/wp-content\/uploads\/2025\/07\/Capture-decran-le-2025-07-22-a-14.06.28-1.jpg?resize=602%2C400&amp;ssl=1 602w\" sizes=\"auto, (max-width: 300px) 100vw, 300px\" data-attachment-id=\"281493\" data-permalink=\"https:\/\/itayachtscanada.com\/fr\/listing\/princess-y72-m-y-2024-4695000-usd-for-sale\/capture-decran-le-2025-07-22-a-14-06-28-2\/\" data-orig-file=\"https:\/\/i0.wp.com\/itayachtscanada.com\/wp-content\/uploads\/2025\/07\/Capture-decran-le-2025-07-22-a-14.06.28-1.jpg?fit=1406%2C934&amp;ssl=1\" data-orig-size=\"1406,934\" data-comments-opened=\"1\" data-image-meta=\"{&quot;aperture&quot;:&quot;0&quot;,&quot;credit&quot;:&quot;&quot;,&quot;camera&quot;:&quot;&quot;,&quot;caption&quot;:&quot;&quot;,&quot;created_timestamp&quot;:&quot;0&quot;,&quot;copyright&quot;:&quot;&quot;,&quot;focal_length&quot;:&quot;0&quot;,&quot;iso&quot;:&quot;0&quot;,&quot;shutter_speed&quot;:&quot;0&quot;,&quot;title&quot;:&quot;&quot;,&quot;orientation&quot;:&quot;0&quot;}\" data-image-title=\"Capture d\u2019e\u0301cran, le 2025-07-22 a\u0300 14.06.28\" data-image-description=\"\" data-image-caption=\"\" data-large-file=\"https:\/\/i0.wp.com\/itayachtscanada.com\/wp-content\/uploads\/2025\/07\/Capture-decran-le-2025-07-22-a-14.06.28-1.jpg?fit=700%2C465&amp;ssl=1\" \/><\/a>\n\t\t\t<\/div><\/figure><figure class='gallery-item'>\n\t\t\t<div class='gallery-icon landscape'>\n\t\t\t\t<a href='https:\/\/itayachtscanada.com\/fr\/listing\/princess-y72-m-y-2024-4695000-usd-for-sale\/capture-decran-le-2025-07-22-a-14-06-33-2\/'><img loading=\"lazy\" decoding=\"async\" width=\"300\" height=\"199\" src=\"https:\/\/i0.wp.com\/itayachtscanada.com\/wp-content\/uploads\/2025\/07\/Capture-decran-le-2025-07-22-a-14.06.33-1.jpg?fit=300%2C199&amp;ssl=1\" class=\"attachment-medium size-medium\" alt=\"\" srcset=\"https:\/\/i0.wp.com\/itayachtscanada.com\/wp-content\/uploads\/2025\/07\/Capture-decran-le-2025-07-22-a-14.06.33-1.jpg?w=1406&amp;ssl=1 1406w, https:\/\/i0.wp.com\/itayachtscanada.com\/wp-content\/uploads\/2025\/07\/Capture-decran-le-2025-07-22-a-14.06.33-1.jpg?resize=300%2C199&amp;ssl=1 300w, https:\/\/i0.wp.com\/itayachtscanada.com\/wp-content\/uploads\/2025\/07\/Capture-decran-le-2025-07-22-a-14.06.33-1.jpg?resize=1024%2C680&amp;ssl=1 1024w, https:\/\/i0.wp.com\/itayachtscanada.com\/wp-content\/uploads\/2025\/07\/Capture-decran-le-2025-07-22-a-14.06.33-1.jpg?resize=768%2C510&amp;ssl=1 768w, https:\/\/i0.wp.com\/itayachtscanada.com\/wp-content\/uploads\/2025\/07\/Capture-decran-le-2025-07-22-a-14.06.33-1.jpg?resize=700%2C465&amp;ssl=1 700w, https:\/\/i0.wp.com\/itayachtscanada.com\/wp-content\/uploads\/2025\/07\/Capture-decran-le-2025-07-22-a-14.06.33-1.jpg?resize=900%2C600&amp;ssl=1 900w, https:\/\/i0.wp.com\/itayachtscanada.com\/wp-content\/uploads\/2025\/07\/Capture-decran-le-2025-07-22-a-14.06.33-1.jpg?resize=602%2C400&amp;ssl=1 602w\" sizes=\"auto, (max-width: 300px) 100vw, 300px\" data-attachment-id=\"281492\" data-permalink=\"https:\/\/itayachtscanada.com\/fr\/listing\/princess-y72-m-y-2024-4695000-usd-for-sale\/capture-decran-le-2025-07-22-a-14-06-33-2\/\" data-orig-file=\"https:\/\/i0.wp.com\/itayachtscanada.com\/wp-content\/uploads\/2025\/07\/Capture-decran-le-2025-07-22-a-14.06.33-1.jpg?fit=1406%2C934&amp;ssl=1\" data-orig-size=\"1406,934\" data-comments-opened=\"1\" data-image-meta=\"{&quot;aperture&quot;:&quot;0&quot;,&quot;credit&quot;:&quot;&quot;,&quot;camera&quot;:&quot;&quot;,&quot;caption&quot;:&quot;&quot;,&quot;created_timestamp&quot;:&quot;0&quot;,&quot;copyright&quot;:&quot;&quot;,&quot;focal_length&quot;:&quot;0&quot;,&quot;iso&quot;:&quot;0&quot;,&quot;shutter_speed&quot;:&quot;0&quot;,&quot;title&quot;:&quot;&quot;,&quot;orientation&quot;:&quot;0&quot;}\" data-image-title=\"Capture d\u2019e\u0301cran, le 2025-07-22 a\u0300 14.06.33\" data-image-description=\"\" data-image-caption=\"\" data-large-file=\"https:\/\/i0.wp.com\/itayachtscanada.com\/wp-content\/uploads\/2025\/07\/Capture-decran-le-2025-07-22-a-14.06.33-1.jpg?fit=700%2C465&amp;ssl=1\" \/><\/a>\n\t\t\t<\/div><\/figure><figure class='gallery-item'>\n\t\t\t<div class='gallery-icon landscape'>\n\t\t\t\t<a href='https:\/\/itayachtscanada.com\/fr\/listing\/princess-y72-m-y-2024-4695000-usd-for-sale\/capture-decran-le-2025-07-22-a-14-06-37-2\/'><img loading=\"lazy\" decoding=\"async\" width=\"300\" height=\"199\" src=\"https:\/\/i0.wp.com\/itayachtscanada.com\/wp-content\/uploads\/2025\/07\/Capture-decran-le-2025-07-22-a-14.06.37-1.jpg?fit=300%2C199&amp;ssl=1\" class=\"attachment-medium size-medium\" alt=\"\" srcset=\"https:\/\/i0.wp.com\/itayachtscanada.com\/wp-content\/uploads\/2025\/07\/Capture-decran-le-2025-07-22-a-14.06.37-1.jpg?w=1406&amp;ssl=1 1406w, https:\/\/i0.wp.com\/itayachtscanada.com\/wp-content\/uploads\/2025\/07\/Capture-decran-le-2025-07-22-a-14.06.37-1.jpg?resize=300%2C199&amp;ssl=1 300w, https:\/\/i0.wp.com\/itayachtscanada.com\/wp-content\/uploads\/2025\/07\/Capture-decran-le-2025-07-22-a-14.06.37-1.jpg?resize=1024%2C680&amp;ssl=1 1024w, https:\/\/i0.wp.com\/itayachtscanada.com\/wp-content\/uploads\/2025\/07\/Capture-decran-le-2025-07-22-a-14.06.37-1.jpg?resize=768%2C510&amp;ssl=1 768w, https:\/\/i0.wp.com\/itayachtscanada.com\/wp-content\/uploads\/2025\/07\/Capture-decran-le-2025-07-22-a-14.06.37-1.jpg?resize=700%2C465&amp;ssl=1 700w, https:\/\/i0.wp.com\/itayachtscanada.com\/wp-content\/uploads\/2025\/07\/Capture-decran-le-2025-07-22-a-14.06.37-1.jpg?resize=900%2C600&amp;ssl=1 900w, https:\/\/i0.wp.com\/itayachtscanada.com\/wp-content\/uploads\/2025\/07\/Capture-decran-le-2025-07-22-a-14.06.37-1.jpg?resize=602%2C400&amp;ssl=1 602w\" sizes=\"auto, (max-width: 300px) 100vw, 300px\" data-attachment-id=\"281491\" data-permalink=\"https:\/\/itayachtscanada.com\/fr\/listing\/princess-y72-m-y-2024-4695000-usd-for-sale\/capture-decran-le-2025-07-22-a-14-06-37-2\/\" data-orig-file=\"https:\/\/i0.wp.com\/itayachtscanada.com\/wp-content\/uploads\/2025\/07\/Capture-decran-le-2025-07-22-a-14.06.37-1.jpg?fit=1406%2C934&amp;ssl=1\" data-orig-size=\"1406,934\" data-comments-opened=\"1\" data-image-meta=\"{&quot;aperture&quot;:&quot;0&quot;,&quot;credit&quot;:&quot;&quot;,&quot;camera&quot;:&quot;&quot;,&quot;caption&quot;:&quot;&quot;,&quot;created_timestamp&quot;:&quot;0&quot;,&quot;copyright&quot;:&quot;&quot;,&quot;focal_length&quot;:&quot;0&quot;,&quot;iso&quot;:&quot;0&quot;,&quot;shutter_speed&quot;:&quot;0&quot;,&quot;title&quot;:&quot;&quot;,&quot;orientation&quot;:&quot;0&quot;}\" data-image-title=\"Capture d\u2019e\u0301cran, le 2025-07-22 a\u0300 14.06.37\" data-image-description=\"\" data-image-caption=\"\" data-large-file=\"https:\/\/i0.wp.com\/itayachtscanada.com\/wp-content\/uploads\/2025\/07\/Capture-decran-le-2025-07-22-a-14.06.37-1.jpg?fit=700%2C465&amp;ssl=1\" \/><\/a>\n\t\t\t<\/div><\/figure><figure class='gallery-item'>\n\t\t\t<div class='gallery-icon landscape'>\n\t\t\t\t<a href='https:\/\/itayachtscanada.com\/fr\/listing\/princess-y72-m-y-2024-4695000-usd-for-sale\/capture-decran-le-2025-07-22-a-14-06-46-2\/'><img loading=\"lazy\" decoding=\"async\" width=\"300\" height=\"199\" src=\"https:\/\/i0.wp.com\/itayachtscanada.com\/wp-content\/uploads\/2025\/07\/Capture-decran-le-2025-07-22-a-14.06.46-1.jpg?fit=300%2C199&amp;ssl=1\" class=\"attachment-medium size-medium\" alt=\"\" srcset=\"https:\/\/i0.wp.com\/itayachtscanada.com\/wp-content\/uploads\/2025\/07\/Capture-decran-le-2025-07-22-a-14.06.46-1.jpg?w=1406&amp;ssl=1 1406w, https:\/\/i0.wp.com\/itayachtscanada.com\/wp-content\/uploads\/2025\/07\/Capture-decran-le-2025-07-22-a-14.06.46-1.jpg?resize=300%2C199&amp;ssl=1 300w, https:\/\/i0.wp.com\/itayachtscanada.com\/wp-content\/uploads\/2025\/07\/Capture-decran-le-2025-07-22-a-14.06.46-1.jpg?resize=1024%2C680&amp;ssl=1 1024w, https:\/\/i0.wp.com\/itayachtscanada.com\/wp-content\/uploads\/2025\/07\/Capture-decran-le-2025-07-22-a-14.06.46-1.jpg?resize=768%2C510&amp;ssl=1 768w, https:\/\/i0.wp.com\/itayachtscanada.com\/wp-content\/uploads\/2025\/07\/Capture-decran-le-2025-07-22-a-14.06.46-1.jpg?resize=700%2C465&amp;ssl=1 700w, https:\/\/i0.wp.com\/itayachtscanada.com\/wp-content\/uploads\/2025\/07\/Capture-decran-le-2025-07-22-a-14.06.46-1.jpg?resize=900%2C600&amp;ssl=1 900w, https:\/\/i0.wp.com\/itayachtscanada.com\/wp-content\/uploads\/2025\/07\/Capture-decran-le-2025-07-22-a-14.06.46-1.jpg?resize=602%2C400&amp;ssl=1 602w\" sizes=\"auto, (max-width: 300px) 100vw, 300px\" data-attachment-id=\"281489\" data-permalink=\"https:\/\/itayachtscanada.com\/fr\/listing\/princess-y72-m-y-2024-4695000-usd-for-sale\/capture-decran-le-2025-07-22-a-14-06-46-2\/\" data-orig-file=\"https:\/\/i0.wp.com\/itayachtscanada.com\/wp-content\/uploads\/2025\/07\/Capture-decran-le-2025-07-22-a-14.06.46-1.jpg?fit=1406%2C934&amp;ssl=1\" data-orig-size=\"1406,934\" data-comments-opened=\"1\" data-image-meta=\"{&quot;aperture&quot;:&quot;0&quot;,&quot;credit&quot;:&quot;&quot;,&quot;camera&quot;:&quot;&quot;,&quot;caption&quot;:&quot;&quot;,&quot;created_timestamp&quot;:&quot;0&quot;,&quot;copyright&quot;:&quot;&quot;,&quot;focal_length&quot;:&quot;0&quot;,&quot;iso&quot;:&quot;0&quot;,&quot;shutter_speed&quot;:&quot;0&quot;,&quot;title&quot;:&quot;&quot;,&quot;orientation&quot;:&quot;0&quot;}\" data-image-title=\"Capture d\u2019e\u0301cran, le 2025-07-22 a\u0300 14.06.46\" data-image-description=\"\" data-image-caption=\"\" data-large-file=\"https:\/\/i0.wp.com\/itayachtscanada.com\/wp-content\/uploads\/2025\/07\/Capture-decran-le-2025-07-22-a-14.06.46-1.jpg?fit=700%2C465&amp;ssl=1\" \/><\/a>\n\t\t\t<\/div><\/figure><figure class='gallery-item'>\n\t\t\t<div class='gallery-icon landscape'>\n\t\t\t\t<a href='https:\/\/itayachtscanada.com\/fr\/listing\/princess-y72-m-y-2024-4695000-usd-for-sale\/capture-decran-le-2025-07-22-a-14-09-33-2\/'><img loading=\"lazy\" decoding=\"async\" width=\"300\" height=\"199\" src=\"https:\/\/i0.wp.com\/itayachtscanada.com\/wp-content\/uploads\/2025\/07\/Capture-decran-le-2025-07-22-a-14.09.33-1.jpg?fit=300%2C199&amp;ssl=1\" class=\"attachment-medium size-medium\" alt=\"\" srcset=\"https:\/\/i0.wp.com\/itayachtscanada.com\/wp-content\/uploads\/2025\/07\/Capture-decran-le-2025-07-22-a-14.09.33-1.jpg?w=1410&amp;ssl=1 1410w, https:\/\/i0.wp.com\/itayachtscanada.com\/wp-content\/uploads\/2025\/07\/Capture-decran-le-2025-07-22-a-14.09.33-1.jpg?resize=300%2C199&amp;ssl=1 300w, https:\/\/i0.wp.com\/itayachtscanada.com\/wp-content\/uploads\/2025\/07\/Capture-decran-le-2025-07-22-a-14.09.33-1.jpg?resize=1024%2C678&amp;ssl=1 1024w, https:\/\/i0.wp.com\/itayachtscanada.com\/wp-content\/uploads\/2025\/07\/Capture-decran-le-2025-07-22-a-14.09.33-1.jpg?resize=768%2C509&amp;ssl=1 768w, https:\/\/i0.wp.com\/itayachtscanada.com\/wp-content\/uploads\/2025\/07\/Capture-decran-le-2025-07-22-a-14.09.33-1.jpg?resize=700%2C464&amp;ssl=1 700w, https:\/\/i0.wp.com\/itayachtscanada.com\/wp-content\/uploads\/2025\/07\/Capture-decran-le-2025-07-22-a-14.09.33-1.jpg?resize=900%2C600&amp;ssl=1 900w, https:\/\/i0.wp.com\/itayachtscanada.com\/wp-content\/uploads\/2025\/07\/Capture-decran-le-2025-07-22-a-14.09.33-1.jpg?resize=604%2C400&amp;ssl=1 604w\" sizes=\"auto, (max-width: 300px) 100vw, 300px\" data-attachment-id=\"281467\" data-permalink=\"https:\/\/itayachtscanada.com\/fr\/listing\/princess-y72-m-y-2024-4695000-usd-for-sale\/capture-decran-le-2025-07-22-a-14-09-33-2\/\" data-orig-file=\"https:\/\/i0.wp.com\/itayachtscanada.com\/wp-content\/uploads\/2025\/07\/Capture-decran-le-2025-07-22-a-14.09.33-1.jpg?fit=1410%2C934&amp;ssl=1\" data-orig-size=\"1410,934\" data-comments-opened=\"1\" data-image-meta=\"{&quot;aperture&quot;:&quot;0&quot;,&quot;credit&quot;:&quot;&quot;,&quot;camera&quot;:&quot;&quot;,&quot;caption&quot;:&quot;&quot;,&quot;created_timestamp&quot;:&quot;0&quot;,&quot;copyright&quot;:&quot;&quot;,&quot;focal_length&quot;:&quot;0&quot;,&quot;iso&quot;:&quot;0&quot;,&quot;shutter_speed&quot;:&quot;0&quot;,&quot;title&quot;:&quot;&quot;,&quot;orientation&quot;:&quot;0&quot;}\" data-image-title=\"Capture d\u2019e\u0301cran, le 2025-07-22 a\u0300 14.09.33\" data-image-description=\"\" data-image-caption=\"\" data-large-file=\"https:\/\/i0.wp.com\/itayachtscanada.com\/wp-content\/uploads\/2025\/07\/Capture-decran-le-2025-07-22-a-14.09.33-1.jpg?fit=700%2C463&amp;ssl=1\" \/><\/a>\n\t\t\t<\/div><\/figure><figure class='gallery-item'>\n\t\t\t<div class='gallery-icon landscape'>\n\t\t\t\t<a href='https:\/\/itayachtscanada.com\/fr\/listing\/princess-y72-m-y-2024-4695000-usd-for-sale\/capture-decran-le-2025-07-22-a-14-10-34-2\/'><img loading=\"lazy\" decoding=\"async\" width=\"300\" height=\"197\" src=\"https:\/\/i0.wp.com\/itayachtscanada.com\/wp-content\/uploads\/2025\/07\/Capture-decran-le-2025-07-22-a-14.10.34-1.jpg?fit=300%2C197&amp;ssl=1\" class=\"attachment-medium size-medium\" alt=\"\" srcset=\"https:\/\/i0.wp.com\/itayachtscanada.com\/wp-content\/uploads\/2025\/07\/Capture-decran-le-2025-07-22-a-14.10.34-1.jpg?w=1422&amp;ssl=1 1422w, https:\/\/i0.wp.com\/itayachtscanada.com\/wp-content\/uploads\/2025\/07\/Capture-decran-le-2025-07-22-a-14.10.34-1.jpg?resize=300%2C197&amp;ssl=1 300w, https:\/\/i0.wp.com\/itayachtscanada.com\/wp-content\/uploads\/2025\/07\/Capture-decran-le-2025-07-22-a-14.10.34-1.jpg?resize=1024%2C673&amp;ssl=1 1024w, https:\/\/i0.wp.com\/itayachtscanada.com\/wp-content\/uploads\/2025\/07\/Capture-decran-le-2025-07-22-a-14.10.34-1.jpg?resize=768%2C504&amp;ssl=1 768w, https:\/\/i0.wp.com\/itayachtscanada.com\/wp-content\/uploads\/2025\/07\/Capture-decran-le-2025-07-22-a-14.10.34-1.jpg?resize=700%2C460&amp;ssl=1 700w, https:\/\/i0.wp.com\/itayachtscanada.com\/wp-content\/uploads\/2025\/07\/Capture-decran-le-2025-07-22-a-14.10.34-1.jpg?resize=609%2C400&amp;ssl=1 609w\" sizes=\"auto, (max-width: 300px) 100vw, 300px\" data-attachment-id=\"281460\" data-permalink=\"https:\/\/itayachtscanada.com\/fr\/listing\/princess-y72-m-y-2024-4695000-usd-for-sale\/capture-decran-le-2025-07-22-a-14-10-34-2\/\" data-orig-file=\"https:\/\/i0.wp.com\/itayachtscanada.com\/wp-content\/uploads\/2025\/07\/Capture-decran-le-2025-07-22-a-14.10.34-1.jpg?fit=1422%2C934&amp;ssl=1\" data-orig-size=\"1422,934\" data-comments-opened=\"1\" data-image-meta=\"{&quot;aperture&quot;:&quot;0&quot;,&quot;credit&quot;:&quot;&quot;,&quot;camera&quot;:&quot;&quot;,&quot;caption&quot;:&quot;&quot;,&quot;created_timestamp&quot;:&quot;0&quot;,&quot;copyright&quot;:&quot;&quot;,&quot;focal_length&quot;:&quot;0&quot;,&quot;iso&quot;:&quot;0&quot;,&quot;shutter_speed&quot;:&quot;0&quot;,&quot;title&quot;:&quot;&quot;,&quot;orientation&quot;:&quot;0&quot;}\" data-image-title=\"Capture d\u2019e\u0301cran, le 2025-07-22 a\u0300 14.10.34\" data-image-description=\"\" data-image-caption=\"\" data-large-file=\"https:\/\/i0.wp.com\/itayachtscanada.com\/wp-content\/uploads\/2025\/07\/Capture-decran-le-2025-07-22-a-14.10.34-1.jpg?fit=700%2C460&amp;ssl=1\" \/><\/a>\n\t\t\t<\/div><\/figure><figure class='gallery-item'>\n\t\t\t<div class='gallery-icon landscape'>\n\t\t\t\t<a href='https:\/\/itayachtscanada.com\/fr\/listing\/princess-y72-m-y-2024-4695000-usd-for-sale\/capture-decran-le-2025-07-22-a-14-08-59-2\/'><img loading=\"lazy\" decoding=\"async\" width=\"300\" height=\"223\" src=\"https:\/\/i0.wp.com\/itayachtscanada.com\/wp-content\/uploads\/2025\/07\/Capture-decran-le-2025-07-22-a-14.08.59-1.jpg?fit=300%2C223&amp;ssl=1\" class=\"attachment-medium size-medium\" alt=\"\" srcset=\"https:\/\/i0.wp.com\/itayachtscanada.com\/wp-content\/uploads\/2025\/07\/Capture-decran-le-2025-07-22-a-14.08.59-1.jpg?w=1254&amp;ssl=1 1254w, https:\/\/i0.wp.com\/itayachtscanada.com\/wp-content\/uploads\/2025\/07\/Capture-decran-le-2025-07-22-a-14.08.59-1.jpg?resize=300%2C223&amp;ssl=1 300w, https:\/\/i0.wp.com\/itayachtscanada.com\/wp-content\/uploads\/2025\/07\/Capture-decran-le-2025-07-22-a-14.08.59-1.jpg?resize=1024%2C763&amp;ssl=1 1024w, https:\/\/i0.wp.com\/itayachtscanada.com\/wp-content\/uploads\/2025\/07\/Capture-decran-le-2025-07-22-a-14.08.59-1.jpg?resize=768%2C572&amp;ssl=1 768w, https:\/\/i0.wp.com\/itayachtscanada.com\/wp-content\/uploads\/2025\/07\/Capture-decran-le-2025-07-22-a-14.08.59-1.jpg?resize=700%2C521&amp;ssl=1 700w, https:\/\/i0.wp.com\/itayachtscanada.com\/wp-content\/uploads\/2025\/07\/Capture-decran-le-2025-07-22-a-14.08.59-1.jpg?resize=537%2C400&amp;ssl=1 537w\" sizes=\"auto, (max-width: 300px) 100vw, 300px\" data-attachment-id=\"281471\" data-permalink=\"https:\/\/itayachtscanada.com\/fr\/listing\/princess-y72-m-y-2024-4695000-usd-for-sale\/capture-decran-le-2025-07-22-a-14-08-59-2\/\" data-orig-file=\"https:\/\/i0.wp.com\/itayachtscanada.com\/wp-content\/uploads\/2025\/07\/Capture-decran-le-2025-07-22-a-14.08.59-1.jpg?fit=1254%2C934&amp;ssl=1\" data-orig-size=\"1254,934\" data-comments-opened=\"1\" data-image-meta=\"{&quot;aperture&quot;:&quot;0&quot;,&quot;credit&quot;:&quot;&quot;,&quot;camera&quot;:&quot;&quot;,&quot;caption&quot;:&quot;&quot;,&quot;created_timestamp&quot;:&quot;0&quot;,&quot;copyright&quot;:&quot;&quot;,&quot;focal_length&quot;:&quot;0&quot;,&quot;iso&quot;:&quot;0&quot;,&quot;shutter_speed&quot;:&quot;0&quot;,&quot;title&quot;:&quot;&quot;,&quot;orientation&quot;:&quot;0&quot;}\" data-image-title=\"Capture d\u2019e\u0301cran, le 2025-07-22 a\u0300 14.08.59\" data-image-description=\"\" data-image-caption=\"\" data-large-file=\"https:\/\/i0.wp.com\/itayachtscanada.com\/wp-content\/uploads\/2025\/07\/Capture-decran-le-2025-07-22-a-14.08.59-1.jpg?fit=700%2C522&amp;ssl=1\" \/><\/a>\n\t\t\t<\/div><\/figure><figure class='gallery-item'>\n\t\t\t<div class='gallery-icon landscape'>\n\t\t\t\t<a href='https:\/\/itayachtscanada.com\/fr\/listing\/princess-y72-m-y-2024-4695000-usd-for-sale\/capture-decran-le-2025-07-22-a-14-08-46-2\/'><img loading=\"lazy\" decoding=\"async\" width=\"300\" height=\"223\" src=\"https:\/\/i0.wp.com\/itayachtscanada.com\/wp-content\/uploads\/2025\/07\/Capture-decran-le-2025-07-22-a-14.08.46-1.jpg?fit=300%2C223&amp;ssl=1\" class=\"attachment-medium size-medium\" alt=\"\" srcset=\"https:\/\/i0.wp.com\/itayachtscanada.com\/wp-content\/uploads\/2025\/07\/Capture-decran-le-2025-07-22-a-14.08.46-1.jpg?w=1254&amp;ssl=1 1254w, https:\/\/i0.wp.com\/itayachtscanada.com\/wp-content\/uploads\/2025\/07\/Capture-decran-le-2025-07-22-a-14.08.46-1.jpg?resize=300%2C223&amp;ssl=1 300w, https:\/\/i0.wp.com\/itayachtscanada.com\/wp-content\/uploads\/2025\/07\/Capture-decran-le-2025-07-22-a-14.08.46-1.jpg?resize=1024%2C763&amp;ssl=1 1024w, https:\/\/i0.wp.com\/itayachtscanada.com\/wp-content\/uploads\/2025\/07\/Capture-decran-le-2025-07-22-a-14.08.46-1.jpg?resize=768%2C572&amp;ssl=1 768w, https:\/\/i0.wp.com\/itayachtscanada.com\/wp-content\/uploads\/2025\/07\/Capture-decran-le-2025-07-22-a-14.08.46-1.jpg?resize=700%2C521&amp;ssl=1 700w, https:\/\/i0.wp.com\/itayachtscanada.com\/wp-content\/uploads\/2025\/07\/Capture-decran-le-2025-07-22-a-14.08.46-1.jpg?resize=537%2C400&amp;ssl=1 537w\" sizes=\"auto, (max-width: 300px) 100vw, 300px\" data-attachment-id=\"281474\" data-permalink=\"https:\/\/itayachtscanada.com\/fr\/listing\/princess-y72-m-y-2024-4695000-usd-for-sale\/capture-decran-le-2025-07-22-a-14-08-46-2\/\" data-orig-file=\"https:\/\/i0.wp.com\/itayachtscanada.com\/wp-content\/uploads\/2025\/07\/Capture-decran-le-2025-07-22-a-14.08.46-1.jpg?fit=1254%2C934&amp;ssl=1\" data-orig-size=\"1254,934\" data-comments-opened=\"1\" data-image-meta=\"{&quot;aperture&quot;:&quot;0&quot;,&quot;credit&quot;:&quot;&quot;,&quot;camera&quot;:&quot;&quot;,&quot;caption&quot;:&quot;&quot;,&quot;created_timestamp&quot;:&quot;0&quot;,&quot;copyright&quot;:&quot;&quot;,&quot;focal_length&quot;:&quot;0&quot;,&quot;iso&quot;:&quot;0&quot;,&quot;shutter_speed&quot;:&quot;0&quot;,&quot;title&quot;:&quot;&quot;,&quot;orientation&quot;:&quot;0&quot;}\" data-image-title=\"Capture d\u2019e\u0301cran, le 2025-07-22 a\u0300 14.08.46\" data-image-description=\"\" data-image-caption=\"\" data-large-file=\"https:\/\/i0.wp.com\/itayachtscanada.com\/wp-content\/uploads\/2025\/07\/Capture-decran-le-2025-07-22-a-14.08.46-1.jpg?fit=700%2C522&amp;ssl=1\" \/><\/a>\n\t\t\t<\/div><\/figure><figure class='gallery-item'>\n\t\t\t<div class='gallery-icon landscape'>\n\t\t\t\t<a href='https:\/\/itayachtscanada.com\/fr\/listing\/princess-y72-m-y-2024-4695000-usd-for-sale\/capture-decran-le-2025-07-22-a-14-09-14-2\/'><img loading=\"lazy\" decoding=\"async\" width=\"300\" height=\"225\" src=\"https:\/\/i0.wp.com\/itayachtscanada.com\/wp-content\/uploads\/2025\/07\/Capture-decran-le-2025-07-22-a-14.09.14-1.jpg?fit=300%2C225&amp;ssl=1\" class=\"attachment-medium size-medium\" alt=\"\" srcset=\"https:\/\/i0.wp.com\/itayachtscanada.com\/wp-content\/uploads\/2025\/07\/Capture-decran-le-2025-07-22-a-14.09.14-1.jpg?w=1246&amp;ssl=1 1246w, https:\/\/i0.wp.com\/itayachtscanada.com\/wp-content\/uploads\/2025\/07\/Capture-decran-le-2025-07-22-a-14.09.14-1.jpg?resize=300%2C225&amp;ssl=1 300w, https:\/\/i0.wp.com\/itayachtscanada.com\/wp-content\/uploads\/2025\/07\/Capture-decran-le-2025-07-22-a-14.09.14-1.jpg?resize=1024%2C768&amp;ssl=1 1024w, https:\/\/i0.wp.com\/itayachtscanada.com\/wp-content\/uploads\/2025\/07\/Capture-decran-le-2025-07-22-a-14.09.14-1.jpg?resize=768%2C576&amp;ssl=1 768w, https:\/\/i0.wp.com\/itayachtscanada.com\/wp-content\/uploads\/2025\/07\/Capture-decran-le-2025-07-22-a-14.09.14-1.jpg?resize=700%2C525&amp;ssl=1 700w, https:\/\/i0.wp.com\/itayachtscanada.com\/wp-content\/uploads\/2025\/07\/Capture-decran-le-2025-07-22-a-14.09.14-1.jpg?resize=534%2C400&amp;ssl=1 534w\" sizes=\"auto, (max-width: 300px) 100vw, 300px\" data-attachment-id=\"281469\" data-permalink=\"https:\/\/itayachtscanada.com\/fr\/listing\/princess-y72-m-y-2024-4695000-usd-for-sale\/capture-decran-le-2025-07-22-a-14-09-14-2\/\" data-orig-file=\"https:\/\/i0.wp.com\/itayachtscanada.com\/wp-content\/uploads\/2025\/07\/Capture-decran-le-2025-07-22-a-14.09.14-1.jpg?fit=1246%2C934&amp;ssl=1\" data-orig-size=\"1246,934\" data-comments-opened=\"1\" data-image-meta=\"{&quot;aperture&quot;:&quot;0&quot;,&quot;credit&quot;:&quot;&quot;,&quot;camera&quot;:&quot;&quot;,&quot;caption&quot;:&quot;&quot;,&quot;created_timestamp&quot;:&quot;0&quot;,&quot;copyright&quot;:&quot;&quot;,&quot;focal_length&quot;:&quot;0&quot;,&quot;iso&quot;:&quot;0&quot;,&quot;shutter_speed&quot;:&quot;0&quot;,&quot;title&quot;:&quot;&quot;,&quot;orientation&quot;:&quot;0&quot;}\" data-image-title=\"Capture d\u2019e\u0301cran, le 2025-07-22 a\u0300 14.09.14\" data-image-description=\"\" data-image-caption=\"\" data-large-file=\"https:\/\/i0.wp.com\/itayachtscanada.com\/wp-content\/uploads\/2025\/07\/Capture-decran-le-2025-07-22-a-14.09.14-1.jpg?fit=700%2C525&amp;ssl=1\" \/><\/a>\n\t\t\t<\/div><\/figure><figure class='gallery-item'>\n\t\t\t<div class='gallery-icon landscape'>\n\t\t\t\t<a href='https:\/\/itayachtscanada.com\/fr\/listing\/princess-y72-m-y-2024-4695000-usd-for-sale\/capture-decran-le-2025-07-22-a-14-09-04-2\/'><img loading=\"lazy\" decoding=\"async\" width=\"300\" height=\"200\" src=\"https:\/\/i0.wp.com\/itayachtscanada.com\/wp-content\/uploads\/2025\/07\/Capture-decran-le-2025-07-22-a-14.09.04-1.jpg?fit=300%2C200&amp;ssl=1\" class=\"attachment-medium size-medium\" alt=\"\" srcset=\"https:\/\/i0.wp.com\/itayachtscanada.com\/wp-content\/uploads\/2025\/07\/Capture-decran-le-2025-07-22-a-14.09.04-1.jpg?w=1402&amp;ssl=1 1402w, https:\/\/i0.wp.com\/itayachtscanada.com\/wp-content\/uploads\/2025\/07\/Capture-decran-le-2025-07-22-a-14.09.04-1.jpg?resize=300%2C200&amp;ssl=1 300w, https:\/\/i0.wp.com\/itayachtscanada.com\/wp-content\/uploads\/2025\/07\/Capture-decran-le-2025-07-22-a-14.09.04-1.jpg?resize=1024%2C682&amp;ssl=1 1024w, https:\/\/i0.wp.com\/itayachtscanada.com\/wp-content\/uploads\/2025\/07\/Capture-decran-le-2025-07-22-a-14.09.04-1.jpg?resize=768%2C512&amp;ssl=1 768w, https:\/\/i0.wp.com\/itayachtscanada.com\/wp-content\/uploads\/2025\/07\/Capture-decran-le-2025-07-22-a-14.09.04-1.jpg?resize=700%2C466&amp;ssl=1 700w, https:\/\/i0.wp.com\/itayachtscanada.com\/wp-content\/uploads\/2025\/07\/Capture-decran-le-2025-07-22-a-14.09.04-1.jpg?resize=900%2C600&amp;ssl=1 900w, https:\/\/i0.wp.com\/itayachtscanada.com\/wp-content\/uploads\/2025\/07\/Capture-decran-le-2025-07-22-a-14.09.04-1.jpg?resize=600%2C400&amp;ssl=1 600w\" sizes=\"auto, (max-width: 300px) 100vw, 300px\" data-attachment-id=\"281470\" data-permalink=\"https:\/\/itayachtscanada.com\/fr\/listing\/princess-y72-m-y-2024-4695000-usd-for-sale\/capture-decran-le-2025-07-22-a-14-09-04-2\/\" data-orig-file=\"https:\/\/i0.wp.com\/itayachtscanada.com\/wp-content\/uploads\/2025\/07\/Capture-decran-le-2025-07-22-a-14.09.04-1.jpg?fit=1402%2C934&amp;ssl=1\" data-orig-size=\"1402,934\" data-comments-opened=\"1\" data-image-meta=\"{&quot;aperture&quot;:&quot;0&quot;,&quot;credit&quot;:&quot;&quot;,&quot;camera&quot;:&quot;&quot;,&quot;caption&quot;:&quot;&quot;,&quot;created_timestamp&quot;:&quot;0&quot;,&quot;copyright&quot;:&quot;&quot;,&quot;focal_length&quot;:&quot;0&quot;,&quot;iso&quot;:&quot;0&quot;,&quot;shutter_speed&quot;:&quot;0&quot;,&quot;title&quot;:&quot;&quot;,&quot;orientation&quot;:&quot;0&quot;}\" data-image-title=\"Capture d\u2019e\u0301cran, le 2025-07-22 a\u0300 14.09.04\" data-image-description=\"\" data-image-caption=\"\" data-large-file=\"https:\/\/i0.wp.com\/itayachtscanada.com\/wp-content\/uploads\/2025\/07\/Capture-decran-le-2025-07-22-a-14.09.04-1.jpg?fit=700%2C466&amp;ssl=1\" \/><\/a>\n\t\t\t<\/div><\/figure><figure class='gallery-item'>\n\t\t\t<div class='gallery-icon landscape'>\n\t\t\t\t<a href='https:\/\/itayachtscanada.com\/fr\/listing\/princess-y72-m-y-2024-4695000-usd-for-sale\/capture-decran-le-2025-07-22-a-14-08-13-2\/'><img loading=\"lazy\" decoding=\"async\" width=\"300\" height=\"199\" src=\"https:\/\/i0.wp.com\/itayachtscanada.com\/wp-content\/uploads\/2025\/07\/Capture-decran-le-2025-07-22-a-14.08.13-1.jpg?fit=300%2C199&amp;ssl=1\" class=\"attachment-medium size-medium\" alt=\"\" srcset=\"https:\/\/i0.wp.com\/itayachtscanada.com\/wp-content\/uploads\/2025\/07\/Capture-decran-le-2025-07-22-a-14.08.13-1.jpg?w=1406&amp;ssl=1 1406w, https:\/\/i0.wp.com\/itayachtscanada.com\/wp-content\/uploads\/2025\/07\/Capture-decran-le-2025-07-22-a-14.08.13-1.jpg?resize=300%2C199&amp;ssl=1 300w, https:\/\/i0.wp.com\/itayachtscanada.com\/wp-content\/uploads\/2025\/07\/Capture-decran-le-2025-07-22-a-14.08.13-1.jpg?resize=1024%2C680&amp;ssl=1 1024w, https:\/\/i0.wp.com\/itayachtscanada.com\/wp-content\/uploads\/2025\/07\/Capture-decran-le-2025-07-22-a-14.08.13-1.jpg?resize=768%2C510&amp;ssl=1 768w, https:\/\/i0.wp.com\/itayachtscanada.com\/wp-content\/uploads\/2025\/07\/Capture-decran-le-2025-07-22-a-14.08.13-1.jpg?resize=700%2C465&amp;ssl=1 700w, https:\/\/i0.wp.com\/itayachtscanada.com\/wp-content\/uploads\/2025\/07\/Capture-decran-le-2025-07-22-a-14.08.13-1.jpg?resize=900%2C600&amp;ssl=1 900w, https:\/\/i0.wp.com\/itayachtscanada.com\/wp-content\/uploads\/2025\/07\/Capture-decran-le-2025-07-22-a-14.08.13-1.jpg?resize=602%2C400&amp;ssl=1 602w\" sizes=\"auto, (max-width: 300px) 100vw, 300px\" data-attachment-id=\"281476\" data-permalink=\"https:\/\/itayachtscanada.com\/fr\/listing\/princess-y72-m-y-2024-4695000-usd-for-sale\/capture-decran-le-2025-07-22-a-14-08-13-2\/\" data-orig-file=\"https:\/\/i0.wp.com\/itayachtscanada.com\/wp-content\/uploads\/2025\/07\/Capture-decran-le-2025-07-22-a-14.08.13-1.jpg?fit=1406%2C934&amp;ssl=1\" data-orig-size=\"1406,934\" data-comments-opened=\"1\" data-image-meta=\"{&quot;aperture&quot;:&quot;0&quot;,&quot;credit&quot;:&quot;&quot;,&quot;camera&quot;:&quot;&quot;,&quot;caption&quot;:&quot;&quot;,&quot;created_timestamp&quot;:&quot;0&quot;,&quot;copyright&quot;:&quot;&quot;,&quot;focal_length&quot;:&quot;0&quot;,&quot;iso&quot;:&quot;0&quot;,&quot;shutter_speed&quot;:&quot;0&quot;,&quot;title&quot;:&quot;&quot;,&quot;orientation&quot;:&quot;0&quot;}\" data-image-title=\"Capture d\u2019e\u0301cran, le 2025-07-22 a\u0300 14.08.13\" data-image-description=\"\" data-image-caption=\"\" data-large-file=\"https:\/\/i0.wp.com\/itayachtscanada.com\/wp-content\/uploads\/2025\/07\/Capture-decran-le-2025-07-22-a-14.08.13-1.jpg?fit=700%2C465&amp;ssl=1\" \/><\/a>\n\t\t\t<\/div><\/figure><figure class='gallery-item'>\n\t\t\t<div class='gallery-icon landscape'>\n\t\t\t\t<a href='https:\/\/itayachtscanada.com\/fr\/listing\/princess-y72-m-y-2024-4695000-usd-for-sale\/capture-decran-le-2025-07-22-a-14-05-55-2\/'><img loading=\"lazy\" decoding=\"async\" width=\"300\" height=\"199\" src=\"https:\/\/i0.wp.com\/itayachtscanada.com\/wp-content\/uploads\/2025\/07\/Capture-decran-le-2025-07-22-a-14.05.55-1.jpg?fit=300%2C199&amp;ssl=1\" class=\"attachment-medium size-medium\" alt=\"\" srcset=\"https:\/\/i0.wp.com\/itayachtscanada.com\/wp-content\/uploads\/2025\/07\/Capture-decran-le-2025-07-22-a-14.05.55-1.jpg?w=1406&amp;ssl=1 1406w, https:\/\/i0.wp.com\/itayachtscanada.com\/wp-content\/uploads\/2025\/07\/Capture-decran-le-2025-07-22-a-14.05.55-1.jpg?resize=300%2C199&amp;ssl=1 300w, https:\/\/i0.wp.com\/itayachtscanada.com\/wp-content\/uploads\/2025\/07\/Capture-decran-le-2025-07-22-a-14.05.55-1.jpg?resize=1024%2C680&amp;ssl=1 1024w, https:\/\/i0.wp.com\/itayachtscanada.com\/wp-content\/uploads\/2025\/07\/Capture-decran-le-2025-07-22-a-14.05.55-1.jpg?resize=768%2C510&amp;ssl=1 768w, https:\/\/i0.wp.com\/itayachtscanada.com\/wp-content\/uploads\/2025\/07\/Capture-decran-le-2025-07-22-a-14.05.55-1.jpg?resize=700%2C465&amp;ssl=1 700w, https:\/\/i0.wp.com\/itayachtscanada.com\/wp-content\/uploads\/2025\/07\/Capture-decran-le-2025-07-22-a-14.05.55-1.jpg?resize=900%2C600&amp;ssl=1 900w, https:\/\/i0.wp.com\/itayachtscanada.com\/wp-content\/uploads\/2025\/07\/Capture-decran-le-2025-07-22-a-14.05.55-1.jpg?resize=602%2C400&amp;ssl=1 602w\" sizes=\"auto, (max-width: 300px) 100vw, 300px\" data-attachment-id=\"281498\" data-permalink=\"https:\/\/itayachtscanada.com\/fr\/listing\/princess-y72-m-y-2024-4695000-usd-for-sale\/capture-decran-le-2025-07-22-a-14-05-55-2\/\" data-orig-file=\"https:\/\/i0.wp.com\/itayachtscanada.com\/wp-content\/uploads\/2025\/07\/Capture-decran-le-2025-07-22-a-14.05.55-1.jpg?fit=1406%2C934&amp;ssl=1\" data-orig-size=\"1406,934\" data-comments-opened=\"1\" data-image-meta=\"{&quot;aperture&quot;:&quot;0&quot;,&quot;credit&quot;:&quot;&quot;,&quot;camera&quot;:&quot;&quot;,&quot;caption&quot;:&quot;&quot;,&quot;created_timestamp&quot;:&quot;0&quot;,&quot;copyright&quot;:&quot;&quot;,&quot;focal_length&quot;:&quot;0&quot;,&quot;iso&quot;:&quot;0&quot;,&quot;shutter_speed&quot;:&quot;0&quot;,&quot;title&quot;:&quot;&quot;,&quot;orientation&quot;:&quot;0&quot;}\" data-image-title=\"Capture d\u2019e\u0301cran, le 2025-07-22 a\u0300 14.05.55\" data-image-description=\"\" data-image-caption=\"\" data-large-file=\"https:\/\/i0.wp.com\/itayachtscanada.com\/wp-content\/uploads\/2025\/07\/Capture-decran-le-2025-07-22-a-14.05.55-1.jpg?fit=700%2C465&amp;ssl=1\" \/><\/a>\n\t\t\t<\/div><\/figure><figure class='gallery-item'>\n\t\t\t<div class='gallery-icon landscape'>\n\t\t\t\t<a href='https:\/\/itayachtscanada.com\/fr\/listing\/princess-y72-m-y-2024-4695000-usd-for-sale\/capture-decran-le-2025-07-22-a-14-05-50-2\/'><img loading=\"lazy\" decoding=\"async\" width=\"300\" height=\"199\" src=\"https:\/\/i0.wp.com\/itayachtscanada.com\/wp-content\/uploads\/2025\/07\/Capture-decran-le-2025-07-22-a-14.05.50-1.jpg?fit=300%2C199&amp;ssl=1\" class=\"attachment-medium size-medium\" alt=\"\" srcset=\"https:\/\/i0.wp.com\/itayachtscanada.com\/wp-content\/uploads\/2025\/07\/Capture-decran-le-2025-07-22-a-14.05.50-1.jpg?w=1406&amp;ssl=1 1406w, https:\/\/i0.wp.com\/itayachtscanada.com\/wp-content\/uploads\/2025\/07\/Capture-decran-le-2025-07-22-a-14.05.50-1.jpg?resize=300%2C199&amp;ssl=1 300w, https:\/\/i0.wp.com\/itayachtscanada.com\/wp-content\/uploads\/2025\/07\/Capture-decran-le-2025-07-22-a-14.05.50-1.jpg?resize=1024%2C680&amp;ssl=1 1024w, https:\/\/i0.wp.com\/itayachtscanada.com\/wp-content\/uploads\/2025\/07\/Capture-decran-le-2025-07-22-a-14.05.50-1.jpg?resize=768%2C510&amp;ssl=1 768w, https:\/\/i0.wp.com\/itayachtscanada.com\/wp-content\/uploads\/2025\/07\/Capture-decran-le-2025-07-22-a-14.05.50-1.jpg?resize=700%2C465&amp;ssl=1 700w, https:\/\/i0.wp.com\/itayachtscanada.com\/wp-content\/uploads\/2025\/07\/Capture-decran-le-2025-07-22-a-14.05.50-1.jpg?resize=900%2C600&amp;ssl=1 900w, https:\/\/i0.wp.com\/itayachtscanada.com\/wp-content\/uploads\/2025\/07\/Capture-decran-le-2025-07-22-a-14.05.50-1.jpg?resize=602%2C400&amp;ssl=1 602w\" sizes=\"auto, (max-width: 300px) 100vw, 300px\" data-attachment-id=\"281499\" data-permalink=\"https:\/\/itayachtscanada.com\/fr\/listing\/princess-y72-m-y-2024-4695000-usd-for-sale\/capture-decran-le-2025-07-22-a-14-05-50-2\/\" data-orig-file=\"https:\/\/i0.wp.com\/itayachtscanada.com\/wp-content\/uploads\/2025\/07\/Capture-decran-le-2025-07-22-a-14.05.50-1.jpg?fit=1406%2C934&amp;ssl=1\" data-orig-size=\"1406,934\" data-comments-opened=\"1\" data-image-meta=\"{&quot;aperture&quot;:&quot;0&quot;,&quot;credit&quot;:&quot;&quot;,&quot;camera&quot;:&quot;&quot;,&quot;caption&quot;:&quot;&quot;,&quot;created_timestamp&quot;:&quot;0&quot;,&quot;copyright&quot;:&quot;&quot;,&quot;focal_length&quot;:&quot;0&quot;,&quot;iso&quot;:&quot;0&quot;,&quot;shutter_speed&quot;:&quot;0&quot;,&quot;title&quot;:&quot;&quot;,&quot;orientation&quot;:&quot;0&quot;}\" data-image-title=\"Capture d\u2019e\u0301cran, le 2025-07-22 a\u0300 14.05.50\" data-image-description=\"\" data-image-caption=\"\" data-large-file=\"https:\/\/i0.wp.com\/itayachtscanada.com\/wp-content\/uploads\/2025\/07\/Capture-decran-le-2025-07-22-a-14.05.50-1.jpg?fit=700%2C465&amp;ssl=1\" \/><\/a>\n\t\t\t<\/div><\/figure><figure class='gallery-item'>\n\t\t\t<div class='gallery-icon landscape'>\n\t\t\t\t<a href='https:\/\/itayachtscanada.com\/fr\/listing\/princess-y72-m-y-2024-4695000-usd-for-sale\/capture-decran-le-2025-07-22-a-14-05-46-2\/'><img loading=\"lazy\" decoding=\"async\" width=\"300\" height=\"199\" src=\"https:\/\/i0.wp.com\/itayachtscanada.com\/wp-content\/uploads\/2025\/07\/Capture-decran-le-2025-07-22-a-14.05.46-1.jpg?fit=300%2C199&amp;ssl=1\" class=\"attachment-medium size-medium\" alt=\"\" srcset=\"https:\/\/i0.wp.com\/itayachtscanada.com\/wp-content\/uploads\/2025\/07\/Capture-decran-le-2025-07-22-a-14.05.46-1.jpg?w=1406&amp;ssl=1 1406w, https:\/\/i0.wp.com\/itayachtscanada.com\/wp-content\/uploads\/2025\/07\/Capture-decran-le-2025-07-22-a-14.05.46-1.jpg?resize=300%2C199&amp;ssl=1 300w, https:\/\/i0.wp.com\/itayachtscanada.com\/wp-content\/uploads\/2025\/07\/Capture-decran-le-2025-07-22-a-14.05.46-1.jpg?resize=1024%2C680&amp;ssl=1 1024w, https:\/\/i0.wp.com\/itayachtscanada.com\/wp-content\/uploads\/2025\/07\/Capture-decran-le-2025-07-22-a-14.05.46-1.jpg?resize=768%2C510&amp;ssl=1 768w, https:\/\/i0.wp.com\/itayachtscanada.com\/wp-content\/uploads\/2025\/07\/Capture-decran-le-2025-07-22-a-14.05.46-1.jpg?resize=700%2C465&amp;ssl=1 700w, https:\/\/i0.wp.com\/itayachtscanada.com\/wp-content\/uploads\/2025\/07\/Capture-decran-le-2025-07-22-a-14.05.46-1.jpg?resize=900%2C600&amp;ssl=1 900w, https:\/\/i0.wp.com\/itayachtscanada.com\/wp-content\/uploads\/2025\/07\/Capture-decran-le-2025-07-22-a-14.05.46-1.jpg?resize=602%2C400&amp;ssl=1 602w\" sizes=\"auto, (max-width: 300px) 100vw, 300px\" data-attachment-id=\"281500\" data-permalink=\"https:\/\/itayachtscanada.com\/fr\/listing\/princess-y72-m-y-2024-4695000-usd-for-sale\/capture-decran-le-2025-07-22-a-14-05-46-2\/\" data-orig-file=\"https:\/\/i0.wp.com\/itayachtscanada.com\/wp-content\/uploads\/2025\/07\/Capture-decran-le-2025-07-22-a-14.05.46-1.jpg?fit=1406%2C934&amp;ssl=1\" data-orig-size=\"1406,934\" data-comments-opened=\"1\" data-image-meta=\"{&quot;aperture&quot;:&quot;0&quot;,&quot;credit&quot;:&quot;&quot;,&quot;camera&quot;:&quot;&quot;,&quot;caption&quot;:&quot;&quot;,&quot;created_timestamp&quot;:&quot;0&quot;,&quot;copyright&quot;:&quot;&quot;,&quot;focal_length&quot;:&quot;0&quot;,&quot;iso&quot;:&quot;0&quot;,&quot;shutter_speed&quot;:&quot;0&quot;,&quot;title&quot;:&quot;&quot;,&quot;orientation&quot;:&quot;0&quot;}\" data-image-title=\"Capture d\u2019e\u0301cran, le 2025-07-22 a\u0300 14.05.46\" data-image-description=\"\" data-image-caption=\"\" data-large-file=\"https:\/\/i0.wp.com\/itayachtscanada.com\/wp-content\/uploads\/2025\/07\/Capture-decran-le-2025-07-22-a-14.05.46-1.jpg?fit=700%2C465&amp;ssl=1\" \/><\/a>\n\t\t\t<\/div><\/figure><figure class='gallery-item'>\n\t\t\t<div class='gallery-icon landscape'>\n\t\t\t\t<a href='https:\/\/itayachtscanada.com\/fr\/listing\/princess-y72-m-y-2024-4695000-usd-for-sale\/capture-decran-le-2025-07-22-a-14-04-40-2\/'><img loading=\"lazy\" decoding=\"async\" width=\"300\" height=\"199\" src=\"https:\/\/i0.wp.com\/itayachtscanada.com\/wp-content\/uploads\/2025\/07\/Capture-decran-le-2025-07-22-a-14.04.40-1.jpg?fit=300%2C199&amp;ssl=1\" class=\"attachment-medium size-medium\" alt=\"\" srcset=\"https:\/\/i0.wp.com\/itayachtscanada.com\/wp-content\/uploads\/2025\/07\/Capture-decran-le-2025-07-22-a-14.04.40-1.jpg?w=1406&amp;ssl=1 1406w, https:\/\/i0.wp.com\/itayachtscanada.com\/wp-content\/uploads\/2025\/07\/Capture-decran-le-2025-07-22-a-14.04.40-1.jpg?resize=300%2C199&amp;ssl=1 300w, https:\/\/i0.wp.com\/itayachtscanada.com\/wp-content\/uploads\/2025\/07\/Capture-decran-le-2025-07-22-a-14.04.40-1.jpg?resize=1024%2C680&amp;ssl=1 1024w, https:\/\/i0.wp.com\/itayachtscanada.com\/wp-content\/uploads\/2025\/07\/Capture-decran-le-2025-07-22-a-14.04.40-1.jpg?resize=768%2C510&amp;ssl=1 768w, https:\/\/i0.wp.com\/itayachtscanada.com\/wp-content\/uploads\/2025\/07\/Capture-decran-le-2025-07-22-a-14.04.40-1.jpg?resize=700%2C465&amp;ssl=1 700w, https:\/\/i0.wp.com\/itayachtscanada.com\/wp-content\/uploads\/2025\/07\/Capture-decran-le-2025-07-22-a-14.04.40-1.jpg?resize=900%2C600&amp;ssl=1 900w, https:\/\/i0.wp.com\/itayachtscanada.com\/wp-content\/uploads\/2025\/07\/Capture-decran-le-2025-07-22-a-14.04.40-1.jpg?resize=602%2C400&amp;ssl=1 602w\" sizes=\"auto, (max-width: 300px) 100vw, 300px\" data-attachment-id=\"281513\" data-permalink=\"https:\/\/itayachtscanada.com\/fr\/listing\/princess-y72-m-y-2024-4695000-usd-for-sale\/capture-decran-le-2025-07-22-a-14-04-40-2\/\" data-orig-file=\"https:\/\/i0.wp.com\/itayachtscanada.com\/wp-content\/uploads\/2025\/07\/Capture-decran-le-2025-07-22-a-14.04.40-1.jpg?fit=1406%2C934&amp;ssl=1\" data-orig-size=\"1406,934\" data-comments-opened=\"1\" data-image-meta=\"{&quot;aperture&quot;:&quot;0&quot;,&quot;credit&quot;:&quot;&quot;,&quot;camera&quot;:&quot;&quot;,&quot;caption&quot;:&quot;&quot;,&quot;created_timestamp&quot;:&quot;0&quot;,&quot;copyright&quot;:&quot;&quot;,&quot;focal_length&quot;:&quot;0&quot;,&quot;iso&quot;:&quot;0&quot;,&quot;shutter_speed&quot;:&quot;0&quot;,&quot;title&quot;:&quot;&quot;,&quot;orientation&quot;:&quot;0&quot;}\" data-image-title=\"Capture d\u2019e\u0301cran, le 2025-07-22 a\u0300 14.04.40\" data-image-description=\"\" data-image-caption=\"\" data-large-file=\"https:\/\/i0.wp.com\/itayachtscanada.com\/wp-content\/uploads\/2025\/07\/Capture-decran-le-2025-07-22-a-14.04.40-1.jpg?fit=700%2C465&amp;ssl=1\" \/><\/a>\n\t\t\t<\/div><\/figure><figure class='gallery-item'>\n\t\t\t<div class='gallery-icon landscape'>\n\t\t\t\t<a href='https:\/\/itayachtscanada.com\/fr\/listing\/princess-y72-m-y-2024-4695000-usd-for-sale\/capture-decran-le-2025-07-22-a-14-04-31-2\/'><img loading=\"lazy\" decoding=\"async\" width=\"300\" height=\"199\" src=\"https:\/\/i0.wp.com\/itayachtscanada.com\/wp-content\/uploads\/2025\/07\/Capture-decran-le-2025-07-22-a-14.04.31-1.jpg?fit=300%2C199&amp;ssl=1\" class=\"attachment-medium size-medium\" alt=\"\" srcset=\"https:\/\/i0.wp.com\/itayachtscanada.com\/wp-content\/uploads\/2025\/07\/Capture-decran-le-2025-07-22-a-14.04.31-1.jpg?w=1406&amp;ssl=1 1406w, https:\/\/i0.wp.com\/itayachtscanada.com\/wp-content\/uploads\/2025\/07\/Capture-decran-le-2025-07-22-a-14.04.31-1.jpg?resize=300%2C199&amp;ssl=1 300w, https:\/\/i0.wp.com\/itayachtscanada.com\/wp-content\/uploads\/2025\/07\/Capture-decran-le-2025-07-22-a-14.04.31-1.jpg?resize=1024%2C680&amp;ssl=1 1024w, https:\/\/i0.wp.com\/itayachtscanada.com\/wp-content\/uploads\/2025\/07\/Capture-decran-le-2025-07-22-a-14.04.31-1.jpg?resize=768%2C510&amp;ssl=1 768w, https:\/\/i0.wp.com\/itayachtscanada.com\/wp-content\/uploads\/2025\/07\/Capture-decran-le-2025-07-22-a-14.04.31-1.jpg?resize=700%2C465&amp;ssl=1 700w, https:\/\/i0.wp.com\/itayachtscanada.com\/wp-content\/uploads\/2025\/07\/Capture-decran-le-2025-07-22-a-14.04.31-1.jpg?resize=900%2C600&amp;ssl=1 900w, https:\/\/i0.wp.com\/itayachtscanada.com\/wp-content\/uploads\/2025\/07\/Capture-decran-le-2025-07-22-a-14.04.31-1.jpg?resize=602%2C400&amp;ssl=1 602w\" sizes=\"auto, (max-width: 300px) 100vw, 300px\" data-attachment-id=\"281516\" data-permalink=\"https:\/\/itayachtscanada.com\/fr\/listing\/princess-y72-m-y-2024-4695000-usd-for-sale\/capture-decran-le-2025-07-22-a-14-04-31-2\/\" data-orig-file=\"https:\/\/i0.wp.com\/itayachtscanada.com\/wp-content\/uploads\/2025\/07\/Capture-decran-le-2025-07-22-a-14.04.31-1.jpg?fit=1406%2C934&amp;ssl=1\" data-orig-size=\"1406,934\" data-comments-opened=\"1\" data-image-meta=\"{&quot;aperture&quot;:&quot;0&quot;,&quot;credit&quot;:&quot;&quot;,&quot;camera&quot;:&quot;&quot;,&quot;caption&quot;:&quot;&quot;,&quot;created_timestamp&quot;:&quot;0&quot;,&quot;copyright&quot;:&quot;&quot;,&quot;focal_length&quot;:&quot;0&quot;,&quot;iso&quot;:&quot;0&quot;,&quot;shutter_speed&quot;:&quot;0&quot;,&quot;title&quot;:&quot;&quot;,&quot;orientation&quot;:&quot;0&quot;}\" data-image-title=\"Capture d\u2019e\u0301cran, le 2025-07-22 a\u0300 14.04.31\" data-image-description=\"\" data-image-caption=\"\" data-large-file=\"https:\/\/i0.wp.com\/itayachtscanada.com\/wp-content\/uploads\/2025\/07\/Capture-decran-le-2025-07-22-a-14.04.31-1.jpg?fit=700%2C465&amp;ssl=1\" \/><\/a>\n\t\t\t<\/div><\/figure><figure class='gallery-item'>\n\t\t\t<div class='gallery-icon landscape'>\n\t\t\t\t<a href='https:\/\/itayachtscanada.com\/fr\/listing\/princess-y72-m-y-2024-4695000-usd-for-sale\/capture-decran-le-2025-07-22-a-14-04-34-2\/'><img loading=\"lazy\" decoding=\"async\" width=\"300\" height=\"199\" src=\"https:\/\/i0.wp.com\/itayachtscanada.com\/wp-content\/uploads\/2025\/07\/Capture-decran-le-2025-07-22-a-14.04.34-1.jpg?fit=300%2C199&amp;ssl=1\" class=\"attachment-medium size-medium\" alt=\"\" srcset=\"https:\/\/i0.wp.com\/itayachtscanada.com\/wp-content\/uploads\/2025\/07\/Capture-decran-le-2025-07-22-a-14.04.34-1.jpg?w=1406&amp;ssl=1 1406w, https:\/\/i0.wp.com\/itayachtscanada.com\/wp-content\/uploads\/2025\/07\/Capture-decran-le-2025-07-22-a-14.04.34-1.jpg?resize=300%2C199&amp;ssl=1 300w, https:\/\/i0.wp.com\/itayachtscanada.com\/wp-content\/uploads\/2025\/07\/Capture-decran-le-2025-07-22-a-14.04.34-1.jpg?resize=1024%2C680&amp;ssl=1 1024w, https:\/\/i0.wp.com\/itayachtscanada.com\/wp-content\/uploads\/2025\/07\/Capture-decran-le-2025-07-22-a-14.04.34-1.jpg?resize=768%2C510&amp;ssl=1 768w, https:\/\/i0.wp.com\/itayachtscanada.com\/wp-content\/uploads\/2025\/07\/Capture-decran-le-2025-07-22-a-14.04.34-1.jpg?resize=700%2C465&amp;ssl=1 700w, https:\/\/i0.wp.com\/itayachtscanada.com\/wp-content\/uploads\/2025\/07\/Capture-decran-le-2025-07-22-a-14.04.34-1.jpg?resize=900%2C600&amp;ssl=1 900w, https:\/\/i0.wp.com\/itayachtscanada.com\/wp-content\/uploads\/2025\/07\/Capture-decran-le-2025-07-22-a-14.04.34-1.jpg?resize=602%2C400&amp;ssl=1 602w\" sizes=\"auto, (max-width: 300px) 100vw, 300px\" data-attachment-id=\"281515\" data-permalink=\"https:\/\/itayachtscanada.com\/fr\/listing\/princess-y72-m-y-2024-4695000-usd-for-sale\/capture-decran-le-2025-07-22-a-14-04-34-2\/\" data-orig-file=\"https:\/\/i0.wp.com\/itayachtscanada.com\/wp-content\/uploads\/2025\/07\/Capture-decran-le-2025-07-22-a-14.04.34-1.jpg?fit=1406%2C934&amp;ssl=1\" data-orig-size=\"1406,934\" data-comments-opened=\"1\" data-image-meta=\"{&quot;aperture&quot;:&quot;0&quot;,&quot;credit&quot;:&quot;&quot;,&quot;camera&quot;:&quot;&quot;,&quot;caption&quot;:&quot;&quot;,&quot;created_timestamp&quot;:&quot;0&quot;,&quot;copyright&quot;:&quot;&quot;,&quot;focal_length&quot;:&quot;0&quot;,&quot;iso&quot;:&quot;0&quot;,&quot;shutter_speed&quot;:&quot;0&quot;,&quot;title&quot;:&quot;&quot;,&quot;orientation&quot;:&quot;0&quot;}\" data-image-title=\"Capture d\u2019e\u0301cran, le 2025-07-22 a\u0300 14.04.34\" data-image-description=\"\" data-image-caption=\"\" data-large-file=\"https:\/\/i0.wp.com\/itayachtscanada.com\/wp-content\/uploads\/2025\/07\/Capture-decran-le-2025-07-22-a-14.04.34-1.jpg?fit=700%2C465&amp;ssl=1\" \/><\/a>\n\t\t\t<\/div><\/figure><figure class='gallery-item'>\n\t\t\t<div class='gallery-icon landscape'>\n\t\t\t\t<a href='https:\/\/itayachtscanada.com\/fr\/listing\/princess-y72-m-y-2024-4695000-usd-for-sale\/capture-decran-le-2025-07-22-a-14-04-59-2\/'><img loading=\"lazy\" decoding=\"async\" width=\"300\" height=\"199\" src=\"https:\/\/i0.wp.com\/itayachtscanada.com\/wp-content\/uploads\/2025\/07\/Capture-decran-le-2025-07-22-a-14.04.59-1.jpg?fit=300%2C199&amp;ssl=1\" class=\"attachment-medium size-medium\" alt=\"\" srcset=\"https:\/\/i0.wp.com\/itayachtscanada.com\/wp-content\/uploads\/2025\/07\/Capture-decran-le-2025-07-22-a-14.04.59-1.jpg?w=1406&amp;ssl=1 1406w, https:\/\/i0.wp.com\/itayachtscanada.com\/wp-content\/uploads\/2025\/07\/Capture-decran-le-2025-07-22-a-14.04.59-1.jpg?resize=300%2C199&amp;ssl=1 300w, https:\/\/i0.wp.com\/itayachtscanada.com\/wp-content\/uploads\/2025\/07\/Capture-decran-le-2025-07-22-a-14.04.59-1.jpg?resize=1024%2C680&amp;ssl=1 1024w, https:\/\/i0.wp.com\/itayachtscanada.com\/wp-content\/uploads\/2025\/07\/Capture-decran-le-2025-07-22-a-14.04.59-1.jpg?resize=768%2C510&amp;ssl=1 768w, https:\/\/i0.wp.com\/itayachtscanada.com\/wp-content\/uploads\/2025\/07\/Capture-decran-le-2025-07-22-a-14.04.59-1.jpg?resize=700%2C465&amp;ssl=1 700w, https:\/\/i0.wp.com\/itayachtscanada.com\/wp-content\/uploads\/2025\/07\/Capture-decran-le-2025-07-22-a-14.04.59-1.jpg?resize=900%2C600&amp;ssl=1 900w, https:\/\/i0.wp.com\/itayachtscanada.com\/wp-content\/uploads\/2025\/07\/Capture-decran-le-2025-07-22-a-14.04.59-1.jpg?resize=602%2C400&amp;ssl=1 602w\" sizes=\"auto, (max-width: 300px) 100vw, 300px\" data-attachment-id=\"281508\" data-permalink=\"https:\/\/itayachtscanada.com\/fr\/listing\/princess-y72-m-y-2024-4695000-usd-for-sale\/capture-decran-le-2025-07-22-a-14-04-59-2\/\" data-orig-file=\"https:\/\/i0.wp.com\/itayachtscanada.com\/wp-content\/uploads\/2025\/07\/Capture-decran-le-2025-07-22-a-14.04.59-1.jpg?fit=1406%2C934&amp;ssl=1\" data-orig-size=\"1406,934\" data-comments-opened=\"1\" data-image-meta=\"{&quot;aperture&quot;:&quot;0&quot;,&quot;credit&quot;:&quot;&quot;,&quot;camera&quot;:&quot;&quot;,&quot;caption&quot;:&quot;&quot;,&quot;created_timestamp&quot;:&quot;0&quot;,&quot;copyright&quot;:&quot;&quot;,&quot;focal_length&quot;:&quot;0&quot;,&quot;iso&quot;:&quot;0&quot;,&quot;shutter_speed&quot;:&quot;0&quot;,&quot;title&quot;:&quot;&quot;,&quot;orientation&quot;:&quot;0&quot;}\" data-image-title=\"Capture d\u2019e\u0301cran, le 2025-07-22 a\u0300 14.04.59\" data-image-description=\"\" data-image-caption=\"\" data-large-file=\"https:\/\/i0.wp.com\/itayachtscanada.com\/wp-content\/uploads\/2025\/07\/Capture-decran-le-2025-07-22-a-14.04.59-1.jpg?fit=700%2C465&amp;ssl=1\" \/><\/a>\n\t\t\t<\/div><\/figure><figure class='gallery-item'>\n\t\t\t<div class='gallery-icon landscape'>\n\t\t\t\t<a href='https:\/\/itayachtscanada.com\/fr\/listing\/princess-y72-m-y-2024-4695000-usd-for-sale\/capture-decran-le-2025-07-22-a-14-04-55-2\/'><img loading=\"lazy\" decoding=\"async\" width=\"300\" height=\"199\" src=\"https:\/\/i0.wp.com\/itayachtscanada.com\/wp-content\/uploads\/2025\/07\/Capture-decran-le-2025-07-22-a-14.04.55-1.jpg?fit=300%2C199&amp;ssl=1\" class=\"attachment-medium size-medium\" alt=\"\" srcset=\"https:\/\/i0.wp.com\/itayachtscanada.com\/wp-content\/uploads\/2025\/07\/Capture-decran-le-2025-07-22-a-14.04.55-1.jpg?w=1406&amp;ssl=1 1406w, https:\/\/i0.wp.com\/itayachtscanada.com\/wp-content\/uploads\/2025\/07\/Capture-decran-le-2025-07-22-a-14.04.55-1.jpg?resize=300%2C199&amp;ssl=1 300w, https:\/\/i0.wp.com\/itayachtscanada.com\/wp-content\/uploads\/2025\/07\/Capture-decran-le-2025-07-22-a-14.04.55-1.jpg?resize=1024%2C680&amp;ssl=1 1024w, https:\/\/i0.wp.com\/itayachtscanada.com\/wp-content\/uploads\/2025\/07\/Capture-decran-le-2025-07-22-a-14.04.55-1.jpg?resize=768%2C510&amp;ssl=1 768w, https:\/\/i0.wp.com\/itayachtscanada.com\/wp-content\/uploads\/2025\/07\/Capture-decran-le-2025-07-22-a-14.04.55-1.jpg?resize=700%2C465&amp;ssl=1 700w, https:\/\/i0.wp.com\/itayachtscanada.com\/wp-content\/uploads\/2025\/07\/Capture-decran-le-2025-07-22-a-14.04.55-1.jpg?resize=900%2C600&amp;ssl=1 900w, https:\/\/i0.wp.com\/itayachtscanada.com\/wp-content\/uploads\/2025\/07\/Capture-decran-le-2025-07-22-a-14.04.55-1.jpg?resize=602%2C400&amp;ssl=1 602w\" sizes=\"auto, (max-width: 300px) 100vw, 300px\" data-attachment-id=\"281509\" data-permalink=\"https:\/\/itayachtscanada.com\/fr\/listing\/princess-y72-m-y-2024-4695000-usd-for-sale\/capture-decran-le-2025-07-22-a-14-04-55-2\/\" data-orig-file=\"https:\/\/i0.wp.com\/itayachtscanada.com\/wp-content\/uploads\/2025\/07\/Capture-decran-le-2025-07-22-a-14.04.55-1.jpg?fit=1406%2C934&amp;ssl=1\" data-orig-size=\"1406,934\" data-comments-opened=\"1\" data-image-meta=\"{&quot;aperture&quot;:&quot;0&quot;,&quot;credit&quot;:&quot;&quot;,&quot;camera&quot;:&quot;&quot;,&quot;caption&quot;:&quot;&quot;,&quot;created_timestamp&quot;:&quot;0&quot;,&quot;copyright&quot;:&quot;&quot;,&quot;focal_length&quot;:&quot;0&quot;,&quot;iso&quot;:&quot;0&quot;,&quot;shutter_speed&quot;:&quot;0&quot;,&quot;title&quot;:&quot;&quot;,&quot;orientation&quot;:&quot;0&quot;}\" data-image-title=\"Capture d\u2019e\u0301cran, le 2025-07-22 a\u0300 14.04.55\" data-image-description=\"\" data-image-caption=\"\" data-large-file=\"https:\/\/i0.wp.com\/itayachtscanada.com\/wp-content\/uploads\/2025\/07\/Capture-decran-le-2025-07-22-a-14.04.55-1.jpg?fit=700%2C465&amp;ssl=1\" \/><\/a>\n\t\t\t<\/div><\/figure><figure class='gallery-item'>\n\t\t\t<div class='gallery-icon landscape'>\n\t\t\t\t<a href='https:\/\/itayachtscanada.com\/fr\/listing\/princess-y72-m-y-2024-4695000-usd-for-sale\/capture-decran-le-2025-07-22-a-14-04-52-2\/'><img loading=\"lazy\" decoding=\"async\" width=\"300\" height=\"199\" src=\"https:\/\/i0.wp.com\/itayachtscanada.com\/wp-content\/uploads\/2025\/07\/Capture-decran-le-2025-07-22-a-14.04.52-1.jpg?fit=300%2C199&amp;ssl=1\" class=\"attachment-medium size-medium\" alt=\"\" srcset=\"https:\/\/i0.wp.com\/itayachtscanada.com\/wp-content\/uploads\/2025\/07\/Capture-decran-le-2025-07-22-a-14.04.52-1.jpg?w=1406&amp;ssl=1 1406w, https:\/\/i0.wp.com\/itayachtscanada.com\/wp-content\/uploads\/2025\/07\/Capture-decran-le-2025-07-22-a-14.04.52-1.jpg?resize=300%2C199&amp;ssl=1 300w, https:\/\/i0.wp.com\/itayachtscanada.com\/wp-content\/uploads\/2025\/07\/Capture-decran-le-2025-07-22-a-14.04.52-1.jpg?resize=1024%2C680&amp;ssl=1 1024w, https:\/\/i0.wp.com\/itayachtscanada.com\/wp-content\/uploads\/2025\/07\/Capture-decran-le-2025-07-22-a-14.04.52-1.jpg?resize=768%2C510&amp;ssl=1 768w, https:\/\/i0.wp.com\/itayachtscanada.com\/wp-content\/uploads\/2025\/07\/Capture-decran-le-2025-07-22-a-14.04.52-1.jpg?resize=700%2C465&amp;ssl=1 700w, https:\/\/i0.wp.com\/itayachtscanada.com\/wp-content\/uploads\/2025\/07\/Capture-decran-le-2025-07-22-a-14.04.52-1.jpg?resize=900%2C600&amp;ssl=1 900w, https:\/\/i0.wp.com\/itayachtscanada.com\/wp-content\/uploads\/2025\/07\/Capture-decran-le-2025-07-22-a-14.04.52-1.jpg?resize=602%2C400&amp;ssl=1 602w\" sizes=\"auto, (max-width: 300px) 100vw, 300px\" data-attachment-id=\"281510\" data-permalink=\"https:\/\/itayachtscanada.com\/fr\/listing\/princess-y72-m-y-2024-4695000-usd-for-sale\/capture-decran-le-2025-07-22-a-14-04-52-2\/\" data-orig-file=\"https:\/\/i0.wp.com\/itayachtscanada.com\/wp-content\/uploads\/2025\/07\/Capture-decran-le-2025-07-22-a-14.04.52-1.jpg?fit=1406%2C934&amp;ssl=1\" data-orig-size=\"1406,934\" data-comments-opened=\"1\" data-image-meta=\"{&quot;aperture&quot;:&quot;0&quot;,&quot;credit&quot;:&quot;&quot;,&quot;camera&quot;:&quot;&quot;,&quot;caption&quot;:&quot;&quot;,&quot;created_timestamp&quot;:&quot;0&quot;,&quot;copyright&quot;:&quot;&quot;,&quot;focal_length&quot;:&quot;0&quot;,&quot;iso&quot;:&quot;0&quot;,&quot;shutter_speed&quot;:&quot;0&quot;,&quot;title&quot;:&quot;&quot;,&quot;orientation&quot;:&quot;0&quot;}\" data-image-title=\"Capture d\u2019e\u0301cran, le 2025-07-22 a\u0300 14.04.52\" data-image-description=\"\" data-image-caption=\"\" data-large-file=\"https:\/\/i0.wp.com\/itayachtscanada.com\/wp-content\/uploads\/2025\/07\/Capture-decran-le-2025-07-22-a-14.04.52-1.jpg?fit=700%2C465&amp;ssl=1\" \/><\/a>\n\t\t\t<\/div><\/figure><figure class='gallery-item'>\n\t\t\t<div class='gallery-icon landscape'>\n\t\t\t\t<a href='https:\/\/itayachtscanada.com\/fr\/listing\/princess-y72-m-y-2024-4695000-usd-for-sale\/capture-decran-le-2025-07-22-a-14-04-48-2\/'><img loading=\"lazy\" decoding=\"async\" width=\"300\" height=\"199\" src=\"https:\/\/i0.wp.com\/itayachtscanada.com\/wp-content\/uploads\/2025\/07\/Capture-decran-le-2025-07-22-a-14.04.48-1.jpg?fit=300%2C199&amp;ssl=1\" class=\"attachment-medium size-medium\" alt=\"\" srcset=\"https:\/\/i0.wp.com\/itayachtscanada.com\/wp-content\/uploads\/2025\/07\/Capture-decran-le-2025-07-22-a-14.04.48-1.jpg?w=1406&amp;ssl=1 1406w, https:\/\/i0.wp.com\/itayachtscanada.com\/wp-content\/uploads\/2025\/07\/Capture-decran-le-2025-07-22-a-14.04.48-1.jpg?resize=300%2C199&amp;ssl=1 300w, https:\/\/i0.wp.com\/itayachtscanada.com\/wp-content\/uploads\/2025\/07\/Capture-decran-le-2025-07-22-a-14.04.48-1.jpg?resize=1024%2C680&amp;ssl=1 1024w, https:\/\/i0.wp.com\/itayachtscanada.com\/wp-content\/uploads\/2025\/07\/Capture-decran-le-2025-07-22-a-14.04.48-1.jpg?resize=768%2C510&amp;ssl=1 768w, https:\/\/i0.wp.com\/itayachtscanada.com\/wp-content\/uploads\/2025\/07\/Capture-decran-le-2025-07-22-a-14.04.48-1.jpg?resize=700%2C465&amp;ssl=1 700w, https:\/\/i0.wp.com\/itayachtscanada.com\/wp-content\/uploads\/2025\/07\/Capture-decran-le-2025-07-22-a-14.04.48-1.jpg?resize=900%2C600&amp;ssl=1 900w, https:\/\/i0.wp.com\/itayachtscanada.com\/wp-content\/uploads\/2025\/07\/Capture-decran-le-2025-07-22-a-14.04.48-1.jpg?resize=602%2C400&amp;ssl=1 602w\" sizes=\"auto, (max-width: 300px) 100vw, 300px\" data-attachment-id=\"281511\" data-permalink=\"https:\/\/itayachtscanada.com\/fr\/listing\/princess-y72-m-y-2024-4695000-usd-for-sale\/capture-decran-le-2025-07-22-a-14-04-48-2\/\" data-orig-file=\"https:\/\/i0.wp.com\/itayachtscanada.com\/wp-content\/uploads\/2025\/07\/Capture-decran-le-2025-07-22-a-14.04.48-1.jpg?fit=1406%2C934&amp;ssl=1\" data-orig-size=\"1406,934\" data-comments-opened=\"1\" data-image-meta=\"{&quot;aperture&quot;:&quot;0&quot;,&quot;credit&quot;:&quot;&quot;,&quot;camera&quot;:&quot;&quot;,&quot;caption&quot;:&quot;&quot;,&quot;created_timestamp&quot;:&quot;0&quot;,&quot;copyright&quot;:&quot;&quot;,&quot;focal_length&quot;:&quot;0&quot;,&quot;iso&quot;:&quot;0&quot;,&quot;shutter_speed&quot;:&quot;0&quot;,&quot;title&quot;:&quot;&quot;,&quot;orientation&quot;:&quot;0&quot;}\" data-image-title=\"Capture d\u2019e\u0301cran, le 2025-07-22 a\u0300 14.04.48\" data-image-description=\"\" data-image-caption=\"\" data-large-file=\"https:\/\/i0.wp.com\/itayachtscanada.com\/wp-content\/uploads\/2025\/07\/Capture-decran-le-2025-07-22-a-14.04.48-1.jpg?fit=700%2C465&amp;ssl=1\" \/><\/a>\n\t\t\t<\/div><\/figure><figure class='gallery-item'>\n\t\t\t<div class='gallery-icon landscape'>\n\t\t\t\t<a href='https:\/\/itayachtscanada.com\/fr\/listing\/princess-y72-m-y-2024-4695000-usd-for-sale\/capture-decran-le-2025-07-22-a-14-04-44-2\/'><img loading=\"lazy\" decoding=\"async\" width=\"300\" height=\"199\" src=\"https:\/\/i0.wp.com\/itayachtscanada.com\/wp-content\/uploads\/2025\/07\/Capture-decran-le-2025-07-22-a-14.04.44-1.jpg?fit=300%2C199&amp;ssl=1\" class=\"attachment-medium size-medium\" alt=\"\" srcset=\"https:\/\/i0.wp.com\/itayachtscanada.com\/wp-content\/uploads\/2025\/07\/Capture-decran-le-2025-07-22-a-14.04.44-1.jpg?w=1406&amp;ssl=1 1406w, https:\/\/i0.wp.com\/itayachtscanada.com\/wp-content\/uploads\/2025\/07\/Capture-decran-le-2025-07-22-a-14.04.44-1.jpg?resize=300%2C199&amp;ssl=1 300w, https:\/\/i0.wp.com\/itayachtscanada.com\/wp-content\/uploads\/2025\/07\/Capture-decran-le-2025-07-22-a-14.04.44-1.jpg?resize=1024%2C680&amp;ssl=1 1024w, https:\/\/i0.wp.com\/itayachtscanada.com\/wp-content\/uploads\/2025\/07\/Capture-decran-le-2025-07-22-a-14.04.44-1.jpg?resize=768%2C510&amp;ssl=1 768w, https:\/\/i0.wp.com\/itayachtscanada.com\/wp-content\/uploads\/2025\/07\/Capture-decran-le-2025-07-22-a-14.04.44-1.jpg?resize=700%2C465&amp;ssl=1 700w, https:\/\/i0.wp.com\/itayachtscanada.com\/wp-content\/uploads\/2025\/07\/Capture-decran-le-2025-07-22-a-14.04.44-1.jpg?resize=900%2C600&amp;ssl=1 900w, https:\/\/i0.wp.com\/itayachtscanada.com\/wp-content\/uploads\/2025\/07\/Capture-decran-le-2025-07-22-a-14.04.44-1.jpg?resize=602%2C400&amp;ssl=1 602w\" sizes=\"auto, (max-width: 300px) 100vw, 300px\" data-attachment-id=\"281512\" data-permalink=\"https:\/\/itayachtscanada.com\/fr\/listing\/princess-y72-m-y-2024-4695000-usd-for-sale\/capture-decran-le-2025-07-22-a-14-04-44-2\/\" data-orig-file=\"https:\/\/i0.wp.com\/itayachtscanada.com\/wp-content\/uploads\/2025\/07\/Capture-decran-le-2025-07-22-a-14.04.44-1.jpg?fit=1406%2C934&amp;ssl=1\" data-orig-size=\"1406,934\" data-comments-opened=\"1\" data-image-meta=\"{&quot;aperture&quot;:&quot;0&quot;,&quot;credit&quot;:&quot;&quot;,&quot;camera&quot;:&quot;&quot;,&quot;caption&quot;:&quot;&quot;,&quot;created_timestamp&quot;:&quot;0&quot;,&quot;copyright&quot;:&quot;&quot;,&quot;focal_length&quot;:&quot;0&quot;,&quot;iso&quot;:&quot;0&quot;,&quot;shutter_speed&quot;:&quot;0&quot;,&quot;title&quot;:&quot;&quot;,&quot;orientation&quot;:&quot;0&quot;}\" data-image-title=\"Capture d\u2019e\u0301cran, le 2025-07-22 a\u0300 14.04.44\" data-image-description=\"\" data-image-caption=\"\" data-large-file=\"https:\/\/i0.wp.com\/itayachtscanada.com\/wp-content\/uploads\/2025\/07\/Capture-decran-le-2025-07-22-a-14.04.44-1.jpg?fit=700%2C465&amp;ssl=1\" \/><\/a>\n\t\t\t<\/div><\/figure><figure class='gallery-item'>\n\t\t\t<div class='gallery-icon landscape'>\n\t\t\t\t<a href='https:\/\/itayachtscanada.com\/fr\/listing\/princess-y72-m-y-2024-4695000-usd-for-sale\/capture-decran-le-2025-07-22-a-14-04-37-2\/'><img loading=\"lazy\" decoding=\"async\" width=\"300\" height=\"199\" src=\"https:\/\/i0.wp.com\/itayachtscanada.com\/wp-content\/uploads\/2025\/07\/Capture-decran-le-2025-07-22-a-14.04.37-1.jpg?fit=300%2C199&amp;ssl=1\" class=\"attachment-medium size-medium\" alt=\"\" srcset=\"https:\/\/i0.wp.com\/itayachtscanada.com\/wp-content\/uploads\/2025\/07\/Capture-decran-le-2025-07-22-a-14.04.37-1.jpg?w=1406&amp;ssl=1 1406w, https:\/\/i0.wp.com\/itayachtscanada.com\/wp-content\/uploads\/2025\/07\/Capture-decran-le-2025-07-22-a-14.04.37-1.jpg?resize=300%2C199&amp;ssl=1 300w, https:\/\/i0.wp.com\/itayachtscanada.com\/wp-content\/uploads\/2025\/07\/Capture-decran-le-2025-07-22-a-14.04.37-1.jpg?resize=1024%2C680&amp;ssl=1 1024w, https:\/\/i0.wp.com\/itayachtscanada.com\/wp-content\/uploads\/2025\/07\/Capture-decran-le-2025-07-22-a-14.04.37-1.jpg?resize=768%2C510&amp;ssl=1 768w, https:\/\/i0.wp.com\/itayachtscanada.com\/wp-content\/uploads\/2025\/07\/Capture-decran-le-2025-07-22-a-14.04.37-1.jpg?resize=700%2C465&amp;ssl=1 700w, https:\/\/i0.wp.com\/itayachtscanada.com\/wp-content\/uploads\/2025\/07\/Capture-decran-le-2025-07-22-a-14.04.37-1.jpg?resize=900%2C600&amp;ssl=1 900w, https:\/\/i0.wp.com\/itayachtscanada.com\/wp-content\/uploads\/2025\/07\/Capture-decran-le-2025-07-22-a-14.04.37-1.jpg?resize=602%2C400&amp;ssl=1 602w\" sizes=\"auto, (max-width: 300px) 100vw, 300px\" data-attachment-id=\"281514\" data-permalink=\"https:\/\/itayachtscanada.com\/fr\/listing\/princess-y72-m-y-2024-4695000-usd-for-sale\/capture-decran-le-2025-07-22-a-14-04-37-2\/\" data-orig-file=\"https:\/\/i0.wp.com\/itayachtscanada.com\/wp-content\/uploads\/2025\/07\/Capture-decran-le-2025-07-22-a-14.04.37-1.jpg?fit=1406%2C934&amp;ssl=1\" data-orig-size=\"1406,934\" data-comments-opened=\"1\" data-image-meta=\"{&quot;aperture&quot;:&quot;0&quot;,&quot;credit&quot;:&quot;&quot;,&quot;camera&quot;:&quot;&quot;,&quot;caption&quot;:&quot;&quot;,&quot;created_timestamp&quot;:&quot;0&quot;,&quot;copyright&quot;:&quot;&quot;,&quot;focal_length&quot;:&quot;0&quot;,&quot;iso&quot;:&quot;0&quot;,&quot;shutter_speed&quot;:&quot;0&quot;,&quot;title&quot;:&quot;&quot;,&quot;orientation&quot;:&quot;0&quot;}\" data-image-title=\"Capture d\u2019e\u0301cran, le 2025-07-22 a\u0300 14.04.37\" data-image-description=\"\" data-image-caption=\"\" data-large-file=\"https:\/\/i0.wp.com\/itayachtscanada.com\/wp-content\/uploads\/2025\/07\/Capture-decran-le-2025-07-22-a-14.04.37-1.jpg?fit=700%2C465&amp;ssl=1\" \/><\/a>\n\t\t\t<\/div><\/figure><figure class='gallery-item'>\n\t\t\t<div class='gallery-icon landscape'>\n\t\t\t\t<a href='https:\/\/itayachtscanada.com\/fr\/listing\/princess-y72-m-y-2024-4695000-usd-for-sale\/capture-decran-le-2025-07-22-a-14-04-27-2\/'><img loading=\"lazy\" decoding=\"async\" width=\"300\" height=\"199\" src=\"https:\/\/i0.wp.com\/itayachtscanada.com\/wp-content\/uploads\/2025\/07\/Capture-decran-le-2025-07-22-a-14.04.27-1.jpg?fit=300%2C199&amp;ssl=1\" class=\"attachment-medium size-medium\" alt=\"\" srcset=\"https:\/\/i0.wp.com\/itayachtscanada.com\/wp-content\/uploads\/2025\/07\/Capture-decran-le-2025-07-22-a-14.04.27-1.jpg?w=1406&amp;ssl=1 1406w, https:\/\/i0.wp.com\/itayachtscanada.com\/wp-content\/uploads\/2025\/07\/Capture-decran-le-2025-07-22-a-14.04.27-1.jpg?resize=300%2C199&amp;ssl=1 300w, https:\/\/i0.wp.com\/itayachtscanada.com\/wp-content\/uploads\/2025\/07\/Capture-decran-le-2025-07-22-a-14.04.27-1.jpg?resize=1024%2C680&amp;ssl=1 1024w, https:\/\/i0.wp.com\/itayachtscanada.com\/wp-content\/uploads\/2025\/07\/Capture-decran-le-2025-07-22-a-14.04.27-1.jpg?resize=768%2C510&amp;ssl=1 768w, https:\/\/i0.wp.com\/itayachtscanada.com\/wp-content\/uploads\/2025\/07\/Capture-decran-le-2025-07-22-a-14.04.27-1.jpg?resize=700%2C465&amp;ssl=1 700w, https:\/\/i0.wp.com\/itayachtscanada.com\/wp-content\/uploads\/2025\/07\/Capture-decran-le-2025-07-22-a-14.04.27-1.jpg?resize=900%2C600&amp;ssl=1 900w, https:\/\/i0.wp.com\/itayachtscanada.com\/wp-content\/uploads\/2025\/07\/Capture-decran-le-2025-07-22-a-14.04.27-1.jpg?resize=602%2C400&amp;ssl=1 602w\" sizes=\"auto, (max-width: 300px) 100vw, 300px\" data-attachment-id=\"281517\" data-permalink=\"https:\/\/itayachtscanada.com\/fr\/listing\/princess-y72-m-y-2024-4695000-usd-for-sale\/capture-decran-le-2025-07-22-a-14-04-27-2\/\" data-orig-file=\"https:\/\/i0.wp.com\/itayachtscanada.com\/wp-content\/uploads\/2025\/07\/Capture-decran-le-2025-07-22-a-14.04.27-1.jpg?fit=1406%2C934&amp;ssl=1\" data-orig-size=\"1406,934\" data-comments-opened=\"1\" data-image-meta=\"{&quot;aperture&quot;:&quot;0&quot;,&quot;credit&quot;:&quot;&quot;,&quot;camera&quot;:&quot;&quot;,&quot;caption&quot;:&quot;&quot;,&quot;created_timestamp&quot;:&quot;0&quot;,&quot;copyright&quot;:&quot;&quot;,&quot;focal_length&quot;:&quot;0&quot;,&quot;iso&quot;:&quot;0&quot;,&quot;shutter_speed&quot;:&quot;0&quot;,&quot;title&quot;:&quot;&quot;,&quot;orientation&quot;:&quot;0&quot;}\" data-image-title=\"Capture d\u2019e\u0301cran, le 2025-07-22 a\u0300 14.04.27\" data-image-description=\"\" data-image-caption=\"\" data-large-file=\"https:\/\/i0.wp.com\/itayachtscanada.com\/wp-content\/uploads\/2025\/07\/Capture-decran-le-2025-07-22-a-14.04.27-1.jpg?fit=700%2C465&amp;ssl=1\" \/><\/a>\n\t\t\t<\/div><\/figure><figure class='gallery-item'>\n\t\t\t<div class='gallery-icon landscape'>\n\t\t\t\t<a href='https:\/\/itayachtscanada.com\/fr\/listing\/princess-y72-m-y-2024-4695000-usd-for-sale\/capture-decran-le-2025-07-22-a-14-05-02-2\/'><img loading=\"lazy\" decoding=\"async\" width=\"300\" height=\"199\" src=\"https:\/\/i0.wp.com\/itayachtscanada.com\/wp-content\/uploads\/2025\/07\/Capture-decran-le-2025-07-22-a-14.05.02-1.jpg?fit=300%2C199&amp;ssl=1\" class=\"attachment-medium size-medium\" alt=\"\" srcset=\"https:\/\/i0.wp.com\/itayachtscanada.com\/wp-content\/uploads\/2025\/07\/Capture-decran-le-2025-07-22-a-14.05.02-1.jpg?w=1406&amp;ssl=1 1406w, https:\/\/i0.wp.com\/itayachtscanada.com\/wp-content\/uploads\/2025\/07\/Capture-decran-le-2025-07-22-a-14.05.02-1.jpg?resize=300%2C199&amp;ssl=1 300w, https:\/\/i0.wp.com\/itayachtscanada.com\/wp-content\/uploads\/2025\/07\/Capture-decran-le-2025-07-22-a-14.05.02-1.jpg?resize=1024%2C680&amp;ssl=1 1024w, https:\/\/i0.wp.com\/itayachtscanada.com\/wp-content\/uploads\/2025\/07\/Capture-decran-le-2025-07-22-a-14.05.02-1.jpg?resize=768%2C510&amp;ssl=1 768w, https:\/\/i0.wp.com\/itayachtscanada.com\/wp-content\/uploads\/2025\/07\/Capture-decran-le-2025-07-22-a-14.05.02-1.jpg?resize=700%2C465&amp;ssl=1 700w, https:\/\/i0.wp.com\/itayachtscanada.com\/wp-content\/uploads\/2025\/07\/Capture-decran-le-2025-07-22-a-14.05.02-1.jpg?resize=900%2C600&amp;ssl=1 900w, https:\/\/i0.wp.com\/itayachtscanada.com\/wp-content\/uploads\/2025\/07\/Capture-decran-le-2025-07-22-a-14.05.02-1.jpg?resize=602%2C400&amp;ssl=1 602w\" sizes=\"auto, (max-width: 300px) 100vw, 300px\" data-attachment-id=\"281507\" data-permalink=\"https:\/\/itayachtscanada.com\/fr\/listing\/princess-y72-m-y-2024-4695000-usd-for-sale\/capture-decran-le-2025-07-22-a-14-05-02-2\/\" data-orig-file=\"https:\/\/i0.wp.com\/itayachtscanada.com\/wp-content\/uploads\/2025\/07\/Capture-decran-le-2025-07-22-a-14.05.02-1.jpg?fit=1406%2C934&amp;ssl=1\" data-orig-size=\"1406,934\" data-comments-opened=\"1\" data-image-meta=\"{&quot;aperture&quot;:&quot;0&quot;,&quot;credit&quot;:&quot;&quot;,&quot;camera&quot;:&quot;&quot;,&quot;caption&quot;:&quot;&quot;,&quot;created_timestamp&quot;:&quot;0&quot;,&quot;copyright&quot;:&quot;&quot;,&quot;focal_length&quot;:&quot;0&quot;,&quot;iso&quot;:&quot;0&quot;,&quot;shutter_speed&quot;:&quot;0&quot;,&quot;title&quot;:&quot;&quot;,&quot;orientation&quot;:&quot;0&quot;}\" data-image-title=\"Capture d\u2019e\u0301cran, le 2025-07-22 a\u0300 14.05.02\" data-image-description=\"\" data-image-caption=\"\" data-large-file=\"https:\/\/i0.wp.com\/itayachtscanada.com\/wp-content\/uploads\/2025\/07\/Capture-decran-le-2025-07-22-a-14.05.02-1.jpg?fit=700%2C465&amp;ssl=1\" \/><\/a>\n\t\t\t<\/div><\/figure><figure class='gallery-item'>\n\t\t\t<div class='gallery-icon landscape'>\n\t\t\t\t<a href='https:\/\/itayachtscanada.com\/fr\/listing\/princess-y72-m-y-2024-4695000-usd-for-sale\/capture-decran-le-2025-07-22-a-14-02-47-2\/'><img loading=\"lazy\" decoding=\"async\" width=\"300\" height=\"199\" src=\"https:\/\/i0.wp.com\/itayachtscanada.com\/wp-content\/uploads\/2025\/07\/Capture-decran-le-2025-07-22-a-14.02.47-1.jpg?fit=300%2C199&amp;ssl=1\" class=\"attachment-medium size-medium\" alt=\"\" srcset=\"https:\/\/i0.wp.com\/itayachtscanada.com\/wp-content\/uploads\/2025\/07\/Capture-decran-le-2025-07-22-a-14.02.47-1.jpg?w=1406&amp;ssl=1 1406w, https:\/\/i0.wp.com\/itayachtscanada.com\/wp-content\/uploads\/2025\/07\/Capture-decran-le-2025-07-22-a-14.02.47-1.jpg?resize=300%2C199&amp;ssl=1 300w, https:\/\/i0.wp.com\/itayachtscanada.com\/wp-content\/uploads\/2025\/07\/Capture-decran-le-2025-07-22-a-14.02.47-1.jpg?resize=1024%2C680&amp;ssl=1 1024w, https:\/\/i0.wp.com\/itayachtscanada.com\/wp-content\/uploads\/2025\/07\/Capture-decran-le-2025-07-22-a-14.02.47-1.jpg?resize=768%2C510&amp;ssl=1 768w, https:\/\/i0.wp.com\/itayachtscanada.com\/wp-content\/uploads\/2025\/07\/Capture-decran-le-2025-07-22-a-14.02.47-1.jpg?resize=700%2C465&amp;ssl=1 700w, https:\/\/i0.wp.com\/itayachtscanada.com\/wp-content\/uploads\/2025\/07\/Capture-decran-le-2025-07-22-a-14.02.47-1.jpg?resize=900%2C600&amp;ssl=1 900w, https:\/\/i0.wp.com\/itayachtscanada.com\/wp-content\/uploads\/2025\/07\/Capture-decran-le-2025-07-22-a-14.02.47-1.jpg?resize=602%2C400&amp;ssl=1 602w\" sizes=\"auto, (max-width: 300px) 100vw, 300px\" data-attachment-id=\"281521\" data-permalink=\"https:\/\/itayachtscanada.com\/fr\/listing\/princess-y72-m-y-2024-4695000-usd-for-sale\/capture-decran-le-2025-07-22-a-14-02-47-2\/\" data-orig-file=\"https:\/\/i0.wp.com\/itayachtscanada.com\/wp-content\/uploads\/2025\/07\/Capture-decran-le-2025-07-22-a-14.02.47-1.jpg?fit=1406%2C934&amp;ssl=1\" data-orig-size=\"1406,934\" data-comments-opened=\"1\" data-image-meta=\"{&quot;aperture&quot;:&quot;0&quot;,&quot;credit&quot;:&quot;&quot;,&quot;camera&quot;:&quot;&quot;,&quot;caption&quot;:&quot;&quot;,&quot;created_timestamp&quot;:&quot;0&quot;,&quot;copyright&quot;:&quot;&quot;,&quot;focal_length&quot;:&quot;0&quot;,&quot;iso&quot;:&quot;0&quot;,&quot;shutter_speed&quot;:&quot;0&quot;,&quot;title&quot;:&quot;&quot;,&quot;orientation&quot;:&quot;0&quot;}\" data-image-title=\"Capture d\u2019e\u0301cran, le 2025-07-22 a\u0300 14.02.47\" data-image-description=\"\" data-image-caption=\"\" data-large-file=\"https:\/\/i0.wp.com\/itayachtscanada.com\/wp-content\/uploads\/2025\/07\/Capture-decran-le-2025-07-22-a-14.02.47-1.jpg?fit=700%2C465&amp;ssl=1\" \/><\/a>\n\t\t\t<\/div><\/figure><figure class='gallery-item'>\n\t\t\t<div class='gallery-icon landscape'>\n\t\t\t\t<a href='https:\/\/itayachtscanada.com\/fr\/listing\/princess-y72-m-y-2024-4695000-usd-for-sale\/capture-decran-le-2025-07-22-a-14-05-30-2\/'><img loading=\"lazy\" decoding=\"async\" width=\"300\" height=\"199\" src=\"https:\/\/i0.wp.com\/itayachtscanada.com\/wp-content\/uploads\/2025\/07\/Capture-decran-le-2025-07-22-a-14.05.30-1.jpg?fit=300%2C199&amp;ssl=1\" class=\"attachment-medium size-medium\" alt=\"\" srcset=\"https:\/\/i0.wp.com\/itayachtscanada.com\/wp-content\/uploads\/2025\/07\/Capture-decran-le-2025-07-22-a-14.05.30-1.jpg?w=1406&amp;ssl=1 1406w, https:\/\/i0.wp.com\/itayachtscanada.com\/wp-content\/uploads\/2025\/07\/Capture-decran-le-2025-07-22-a-14.05.30-1.jpg?resize=300%2C199&amp;ssl=1 300w, https:\/\/i0.wp.com\/itayachtscanada.com\/wp-content\/uploads\/2025\/07\/Capture-decran-le-2025-07-22-a-14.05.30-1.jpg?resize=1024%2C680&amp;ssl=1 1024w, https:\/\/i0.wp.com\/itayachtscanada.com\/wp-content\/uploads\/2025\/07\/Capture-decran-le-2025-07-22-a-14.05.30-1.jpg?resize=768%2C510&amp;ssl=1 768w, https:\/\/i0.wp.com\/itayachtscanada.com\/wp-content\/uploads\/2025\/07\/Capture-decran-le-2025-07-22-a-14.05.30-1.jpg?resize=700%2C465&amp;ssl=1 700w, https:\/\/i0.wp.com\/itayachtscanada.com\/wp-content\/uploads\/2025\/07\/Capture-decran-le-2025-07-22-a-14.05.30-1.jpg?resize=900%2C600&amp;ssl=1 900w, https:\/\/i0.wp.com\/itayachtscanada.com\/wp-content\/uploads\/2025\/07\/Capture-decran-le-2025-07-22-a-14.05.30-1.jpg?resize=602%2C400&amp;ssl=1 602w\" sizes=\"auto, (max-width: 300px) 100vw, 300px\" data-attachment-id=\"281501\" data-permalink=\"https:\/\/itayachtscanada.com\/fr\/listing\/princess-y72-m-y-2024-4695000-usd-for-sale\/capture-decran-le-2025-07-22-a-14-05-30-2\/\" data-orig-file=\"https:\/\/i0.wp.com\/itayachtscanada.com\/wp-content\/uploads\/2025\/07\/Capture-decran-le-2025-07-22-a-14.05.30-1.jpg?fit=1406%2C934&amp;ssl=1\" data-orig-size=\"1406,934\" data-comments-opened=\"1\" data-image-meta=\"{&quot;aperture&quot;:&quot;0&quot;,&quot;credit&quot;:&quot;&quot;,&quot;camera&quot;:&quot;&quot;,&quot;caption&quot;:&quot;&quot;,&quot;created_timestamp&quot;:&quot;0&quot;,&quot;copyright&quot;:&quot;&quot;,&quot;focal_length&quot;:&quot;0&quot;,&quot;iso&quot;:&quot;0&quot;,&quot;shutter_speed&quot;:&quot;0&quot;,&quot;title&quot;:&quot;&quot;,&quot;orientation&quot;:&quot;0&quot;}\" data-image-title=\"Capture d\u2019e\u0301cran, le 2025-07-22 a\u0300 14.05.30\" data-image-description=\"\" data-image-caption=\"\" data-large-file=\"https:\/\/i0.wp.com\/itayachtscanada.com\/wp-content\/uploads\/2025\/07\/Capture-decran-le-2025-07-22-a-14.05.30-1.jpg?fit=700%2C465&amp;ssl=1\" \/><\/a>\n\t\t\t<\/div><\/figure><figure class='gallery-item'>\n\t\t\t<div class='gallery-icon landscape'>\n\t\t\t\t<a href='https:\/\/itayachtscanada.com\/fr\/listing\/princess-y72-m-y-2024-4695000-usd-for-sale\/capture-decran-le-2025-07-22-a-14-05-13-2\/'><img loading=\"lazy\" decoding=\"async\" width=\"300\" height=\"199\" src=\"https:\/\/i0.wp.com\/itayachtscanada.com\/wp-content\/uploads\/2025\/07\/Capture-decran-le-2025-07-22-a-14.05.13-1.jpg?fit=300%2C199&amp;ssl=1\" class=\"attachment-medium size-medium\" alt=\"\" srcset=\"https:\/\/i0.wp.com\/itayachtscanada.com\/wp-content\/uploads\/2025\/07\/Capture-decran-le-2025-07-22-a-14.05.13-1.jpg?w=1406&amp;ssl=1 1406w, https:\/\/i0.wp.com\/itayachtscanada.com\/wp-content\/uploads\/2025\/07\/Capture-decran-le-2025-07-22-a-14.05.13-1.jpg?resize=300%2C199&amp;ssl=1 300w, https:\/\/i0.wp.com\/itayachtscanada.com\/wp-content\/uploads\/2025\/07\/Capture-decran-le-2025-07-22-a-14.05.13-1.jpg?resize=1024%2C680&amp;ssl=1 1024w, https:\/\/i0.wp.com\/itayachtscanada.com\/wp-content\/uploads\/2025\/07\/Capture-decran-le-2025-07-22-a-14.05.13-1.jpg?resize=768%2C510&amp;ssl=1 768w, https:\/\/i0.wp.com\/itayachtscanada.com\/wp-content\/uploads\/2025\/07\/Capture-decran-le-2025-07-22-a-14.05.13-1.jpg?resize=700%2C465&amp;ssl=1 700w, https:\/\/i0.wp.com\/itayachtscanada.com\/wp-content\/uploads\/2025\/07\/Capture-decran-le-2025-07-22-a-14.05.13-1.jpg?resize=900%2C600&amp;ssl=1 900w, https:\/\/i0.wp.com\/itayachtscanada.com\/wp-content\/uploads\/2025\/07\/Capture-decran-le-2025-07-22-a-14.05.13-1.jpg?resize=602%2C400&amp;ssl=1 602w\" sizes=\"auto, (max-width: 300px) 100vw, 300px\" data-attachment-id=\"281505\" data-permalink=\"https:\/\/itayachtscanada.com\/fr\/listing\/princess-y72-m-y-2024-4695000-usd-for-sale\/capture-decran-le-2025-07-22-a-14-05-13-2\/\" data-orig-file=\"https:\/\/i0.wp.com\/itayachtscanada.com\/wp-content\/uploads\/2025\/07\/Capture-decran-le-2025-07-22-a-14.05.13-1.jpg?fit=1406%2C934&amp;ssl=1\" data-orig-size=\"1406,934\" data-comments-opened=\"1\" data-image-meta=\"{&quot;aperture&quot;:&quot;0&quot;,&quot;credit&quot;:&quot;&quot;,&quot;camera&quot;:&quot;&quot;,&quot;caption&quot;:&quot;&quot;,&quot;created_timestamp&quot;:&quot;0&quot;,&quot;copyright&quot;:&quot;&quot;,&quot;focal_length&quot;:&quot;0&quot;,&quot;iso&quot;:&quot;0&quot;,&quot;shutter_speed&quot;:&quot;0&quot;,&quot;title&quot;:&quot;&quot;,&quot;orientation&quot;:&quot;0&quot;}\" data-image-title=\"Capture d\u2019e\u0301cran, le 2025-07-22 a\u0300 14.05.13\" data-image-description=\"\" data-image-caption=\"\" data-large-file=\"https:\/\/i0.wp.com\/itayachtscanada.com\/wp-content\/uploads\/2025\/07\/Capture-decran-le-2025-07-22-a-14.05.13-1.jpg?fit=700%2C465&amp;ssl=1\" \/><\/a>\n\t\t\t<\/div><\/figure><figure class='gallery-item'>\n\t\t\t<div class='gallery-icon landscape'>\n\t\t\t\t<a href='https:\/\/itayachtscanada.com\/fr\/listing\/princess-y72-m-y-2024-4695000-usd-for-sale\/capture-decran-le-2025-07-22-a-14-05-26-2\/'><img loading=\"lazy\" decoding=\"async\" width=\"300\" height=\"199\" src=\"https:\/\/i0.wp.com\/itayachtscanada.com\/wp-content\/uploads\/2025\/07\/Capture-decran-le-2025-07-22-a-14.05.26-1.jpg?fit=300%2C199&amp;ssl=1\" class=\"attachment-medium size-medium\" alt=\"\" srcset=\"https:\/\/i0.wp.com\/itayachtscanada.com\/wp-content\/uploads\/2025\/07\/Capture-decran-le-2025-07-22-a-14.05.26-1.jpg?w=1406&amp;ssl=1 1406w, https:\/\/i0.wp.com\/itayachtscanada.com\/wp-content\/uploads\/2025\/07\/Capture-decran-le-2025-07-22-a-14.05.26-1.jpg?resize=300%2C199&amp;ssl=1 300w, https:\/\/i0.wp.com\/itayachtscanada.com\/wp-content\/uploads\/2025\/07\/Capture-decran-le-2025-07-22-a-14.05.26-1.jpg?resize=1024%2C680&amp;ssl=1 1024w, https:\/\/i0.wp.com\/itayachtscanada.com\/wp-content\/uploads\/2025\/07\/Capture-decran-le-2025-07-22-a-14.05.26-1.jpg?resize=768%2C510&amp;ssl=1 768w, https:\/\/i0.wp.com\/itayachtscanada.com\/wp-content\/uploads\/2025\/07\/Capture-decran-le-2025-07-22-a-14.05.26-1.jpg?resize=700%2C465&amp;ssl=1 700w, https:\/\/i0.wp.com\/itayachtscanada.com\/wp-content\/uploads\/2025\/07\/Capture-decran-le-2025-07-22-a-14.05.26-1.jpg?resize=900%2C600&amp;ssl=1 900w, https:\/\/i0.wp.com\/itayachtscanada.com\/wp-content\/uploads\/2025\/07\/Capture-decran-le-2025-07-22-a-14.05.26-1.jpg?resize=602%2C400&amp;ssl=1 602w\" sizes=\"auto, (max-width: 300px) 100vw, 300px\" data-attachment-id=\"281502\" data-permalink=\"https:\/\/itayachtscanada.com\/fr\/listing\/princess-y72-m-y-2024-4695000-usd-for-sale\/capture-decran-le-2025-07-22-a-14-05-26-2\/\" data-orig-file=\"https:\/\/i0.wp.com\/itayachtscanada.com\/wp-content\/uploads\/2025\/07\/Capture-decran-le-2025-07-22-a-14.05.26-1.jpg?fit=1406%2C934&amp;ssl=1\" data-orig-size=\"1406,934\" data-comments-opened=\"1\" data-image-meta=\"{&quot;aperture&quot;:&quot;0&quot;,&quot;credit&quot;:&quot;&quot;,&quot;camera&quot;:&quot;&quot;,&quot;caption&quot;:&quot;&quot;,&quot;created_timestamp&quot;:&quot;0&quot;,&quot;copyright&quot;:&quot;&quot;,&quot;focal_length&quot;:&quot;0&quot;,&quot;iso&quot;:&quot;0&quot;,&quot;shutter_speed&quot;:&quot;0&quot;,&quot;title&quot;:&quot;&quot;,&quot;orientation&quot;:&quot;0&quot;}\" data-image-title=\"Capture d\u2019e\u0301cran, le 2025-07-22 a\u0300 14.05.26\" data-image-description=\"\" data-image-caption=\"\" data-large-file=\"https:\/\/i0.wp.com\/itayachtscanada.com\/wp-content\/uploads\/2025\/07\/Capture-decran-le-2025-07-22-a-14.05.26-1.jpg?fit=700%2C465&amp;ssl=1\" \/><\/a>\n\t\t\t<\/div><\/figure><figure class='gallery-item'>\n\t\t\t<div class='gallery-icon landscape'>\n\t\t\t\t<a href='https:\/\/itayachtscanada.com\/fr\/listing\/princess-y72-m-y-2024-4695000-usd-for-sale\/capture-decran-le-2025-07-22-a-14-05-21-2\/'><img loading=\"lazy\" decoding=\"async\" width=\"300\" height=\"199\" src=\"https:\/\/i0.wp.com\/itayachtscanada.com\/wp-content\/uploads\/2025\/07\/Capture-decran-le-2025-07-22-a-14.05.21-1.jpg?fit=300%2C199&amp;ssl=1\" class=\"attachment-medium size-medium\" alt=\"\" srcset=\"https:\/\/i0.wp.com\/itayachtscanada.com\/wp-content\/uploads\/2025\/07\/Capture-decran-le-2025-07-22-a-14.05.21-1.jpg?w=1406&amp;ssl=1 1406w, https:\/\/i0.wp.com\/itayachtscanada.com\/wp-content\/uploads\/2025\/07\/Capture-decran-le-2025-07-22-a-14.05.21-1.jpg?resize=300%2C199&amp;ssl=1 300w, https:\/\/i0.wp.com\/itayachtscanada.com\/wp-content\/uploads\/2025\/07\/Capture-decran-le-2025-07-22-a-14.05.21-1.jpg?resize=1024%2C680&amp;ssl=1 1024w, https:\/\/i0.wp.com\/itayachtscanada.com\/wp-content\/uploads\/2025\/07\/Capture-decran-le-2025-07-22-a-14.05.21-1.jpg?resize=768%2C510&amp;ssl=1 768w, https:\/\/i0.wp.com\/itayachtscanada.com\/wp-content\/uploads\/2025\/07\/Capture-decran-le-2025-07-22-a-14.05.21-1.jpg?resize=700%2C465&amp;ssl=1 700w, https:\/\/i0.wp.com\/itayachtscanada.com\/wp-content\/uploads\/2025\/07\/Capture-decran-le-2025-07-22-a-14.05.21-1.jpg?resize=900%2C600&amp;ssl=1 900w, https:\/\/i0.wp.com\/itayachtscanada.com\/wp-content\/uploads\/2025\/07\/Capture-decran-le-2025-07-22-a-14.05.21-1.jpg?resize=602%2C400&amp;ssl=1 602w\" sizes=\"auto, (max-width: 300px) 100vw, 300px\" data-attachment-id=\"281503\" data-permalink=\"https:\/\/itayachtscanada.com\/fr\/listing\/princess-y72-m-y-2024-4695000-usd-for-sale\/capture-decran-le-2025-07-22-a-14-05-21-2\/\" data-orig-file=\"https:\/\/i0.wp.com\/itayachtscanada.com\/wp-content\/uploads\/2025\/07\/Capture-decran-le-2025-07-22-a-14.05.21-1.jpg?fit=1406%2C934&amp;ssl=1\" data-orig-size=\"1406,934\" data-comments-opened=\"1\" data-image-meta=\"{&quot;aperture&quot;:&quot;0&quot;,&quot;credit&quot;:&quot;&quot;,&quot;camera&quot;:&quot;&quot;,&quot;caption&quot;:&quot;&quot;,&quot;created_timestamp&quot;:&quot;0&quot;,&quot;copyright&quot;:&quot;&quot;,&quot;focal_length&quot;:&quot;0&quot;,&quot;iso&quot;:&quot;0&quot;,&quot;shutter_speed&quot;:&quot;0&quot;,&quot;title&quot;:&quot;&quot;,&quot;orientation&quot;:&quot;0&quot;}\" data-image-title=\"Capture d\u2019e\u0301cran, le 2025-07-22 a\u0300 14.05.21\" data-image-description=\"\" data-image-caption=\"\" data-large-file=\"https:\/\/i0.wp.com\/itayachtscanada.com\/wp-content\/uploads\/2025\/07\/Capture-decran-le-2025-07-22-a-14.05.21-1.jpg?fit=700%2C465&amp;ssl=1\" \/><\/a>\n\t\t\t<\/div><\/figure><figure class='gallery-item'>\n\t\t\t<div class='gallery-icon landscape'>\n\t\t\t\t<a href='https:\/\/itayachtscanada.com\/fr\/listing\/princess-y72-m-y-2024-4695000-usd-for-sale\/capture-decran-le-2025-07-22-a-14-03-33-2\/'><img loading=\"lazy\" decoding=\"async\" width=\"300\" height=\"199\" src=\"https:\/\/i0.wp.com\/itayachtscanada.com\/wp-content\/uploads\/2025\/07\/Capture-decran-le-2025-07-22-a-14.03.33-1.jpg?fit=300%2C199&amp;ssl=1\" class=\"attachment-medium size-medium\" alt=\"\" srcset=\"https:\/\/i0.wp.com\/itayachtscanada.com\/wp-content\/uploads\/2025\/07\/Capture-decran-le-2025-07-22-a-14.03.33-1.jpg?w=1406&amp;ssl=1 1406w, https:\/\/i0.wp.com\/itayachtscanada.com\/wp-content\/uploads\/2025\/07\/Capture-decran-le-2025-07-22-a-14.03.33-1.jpg?resize=300%2C199&amp;ssl=1 300w, https:\/\/i0.wp.com\/itayachtscanada.com\/wp-content\/uploads\/2025\/07\/Capture-decran-le-2025-07-22-a-14.03.33-1.jpg?resize=1024%2C680&amp;ssl=1 1024w, https:\/\/i0.wp.com\/itayachtscanada.com\/wp-content\/uploads\/2025\/07\/Capture-decran-le-2025-07-22-a-14.03.33-1.jpg?resize=768%2C510&amp;ssl=1 768w, https:\/\/i0.wp.com\/itayachtscanada.com\/wp-content\/uploads\/2025\/07\/Capture-decran-le-2025-07-22-a-14.03.33-1.jpg?resize=700%2C465&amp;ssl=1 700w, https:\/\/i0.wp.com\/itayachtscanada.com\/wp-content\/uploads\/2025\/07\/Capture-decran-le-2025-07-22-a-14.03.33-1.jpg?resize=900%2C600&amp;ssl=1 900w, https:\/\/i0.wp.com\/itayachtscanada.com\/wp-content\/uploads\/2025\/07\/Capture-decran-le-2025-07-22-a-14.03.33-1.jpg?resize=602%2C400&amp;ssl=1 602w\" sizes=\"auto, (max-width: 300px) 100vw, 300px\" data-attachment-id=\"281518\" data-permalink=\"https:\/\/itayachtscanada.com\/fr\/listing\/princess-y72-m-y-2024-4695000-usd-for-sale\/capture-decran-le-2025-07-22-a-14-03-33-2\/\" data-orig-file=\"https:\/\/i0.wp.com\/itayachtscanada.com\/wp-content\/uploads\/2025\/07\/Capture-decran-le-2025-07-22-a-14.03.33-1.jpg?fit=1406%2C934&amp;ssl=1\" data-orig-size=\"1406,934\" data-comments-opened=\"1\" data-image-meta=\"{&quot;aperture&quot;:&quot;0&quot;,&quot;credit&quot;:&quot;&quot;,&quot;camera&quot;:&quot;&quot;,&quot;caption&quot;:&quot;&quot;,&quot;created_timestamp&quot;:&quot;0&quot;,&quot;copyright&quot;:&quot;&quot;,&quot;focal_length&quot;:&quot;0&quot;,&quot;iso&quot;:&quot;0&quot;,&quot;shutter_speed&quot;:&quot;0&quot;,&quot;title&quot;:&quot;&quot;,&quot;orientation&quot;:&quot;0&quot;}\" data-image-title=\"Capture d\u2019e\u0301cran, le 2025-07-22 a\u0300 14.03.33\" data-image-description=\"\" data-image-caption=\"\" data-large-file=\"https:\/\/i0.wp.com\/itayachtscanada.com\/wp-content\/uploads\/2025\/07\/Capture-decran-le-2025-07-22-a-14.03.33-1.jpg?fit=700%2C465&amp;ssl=1\" \/><\/a>\n\t\t\t<\/div><\/figure><figure class='gallery-item'>\n\t\t\t<div class='gallery-icon landscape'>\n\t\t\t\t<a href='https:\/\/itayachtscanada.com\/fr\/listing\/princess-y72-m-y-2024-4695000-usd-for-sale\/capture-decran-le-2025-07-22-a-14-05-09-2\/'><img loading=\"lazy\" decoding=\"async\" width=\"300\" height=\"199\" src=\"https:\/\/i0.wp.com\/itayachtscanada.com\/wp-content\/uploads\/2025\/07\/Capture-decran-le-2025-07-22-a-14.05.09-1.jpg?fit=300%2C199&amp;ssl=1\" class=\"attachment-medium size-medium\" alt=\"\" srcset=\"https:\/\/i0.wp.com\/itayachtscanada.com\/wp-content\/uploads\/2025\/07\/Capture-decran-le-2025-07-22-a-14.05.09-1.jpg?w=1406&amp;ssl=1 1406w, https:\/\/i0.wp.com\/itayachtscanada.com\/wp-content\/uploads\/2025\/07\/Capture-decran-le-2025-07-22-a-14.05.09-1.jpg?resize=300%2C199&amp;ssl=1 300w, https:\/\/i0.wp.com\/itayachtscanada.com\/wp-content\/uploads\/2025\/07\/Capture-decran-le-2025-07-22-a-14.05.09-1.jpg?resize=1024%2C680&amp;ssl=1 1024w, https:\/\/i0.wp.com\/itayachtscanada.com\/wp-content\/uploads\/2025\/07\/Capture-decran-le-2025-07-22-a-14.05.09-1.jpg?resize=768%2C510&amp;ssl=1 768w, https:\/\/i0.wp.com\/itayachtscanada.com\/wp-content\/uploads\/2025\/07\/Capture-decran-le-2025-07-22-a-14.05.09-1.jpg?resize=700%2C465&amp;ssl=1 700w, https:\/\/i0.wp.com\/itayachtscanada.com\/wp-content\/uploads\/2025\/07\/Capture-decran-le-2025-07-22-a-14.05.09-1.jpg?resize=900%2C600&amp;ssl=1 900w, https:\/\/i0.wp.com\/itayachtscanada.com\/wp-content\/uploads\/2025\/07\/Capture-decran-le-2025-07-22-a-14.05.09-1.jpg?resize=602%2C400&amp;ssl=1 602w\" sizes=\"auto, (max-width: 300px) 100vw, 300px\" data-attachment-id=\"281506\" data-permalink=\"https:\/\/itayachtscanada.com\/fr\/listing\/princess-y72-m-y-2024-4695000-usd-for-sale\/capture-decran-le-2025-07-22-a-14-05-09-2\/\" data-orig-file=\"https:\/\/i0.wp.com\/itayachtscanada.com\/wp-content\/uploads\/2025\/07\/Capture-decran-le-2025-07-22-a-14.05.09-1.jpg?fit=1406%2C934&amp;ssl=1\" data-orig-size=\"1406,934\" data-comments-opened=\"1\" data-image-meta=\"{&quot;aperture&quot;:&quot;0&quot;,&quot;credit&quot;:&quot;&quot;,&quot;camera&quot;:&quot;&quot;,&quot;caption&quot;:&quot;&quot;,&quot;created_timestamp&quot;:&quot;0&quot;,&quot;copyright&quot;:&quot;&quot;,&quot;focal_length&quot;:&quot;0&quot;,&quot;iso&quot;:&quot;0&quot;,&quot;shutter_speed&quot;:&quot;0&quot;,&quot;title&quot;:&quot;&quot;,&quot;orientation&quot;:&quot;0&quot;}\" data-image-title=\"Capture d\u2019e\u0301cran, le 2025-07-22 a\u0300 14.05.09\" data-image-description=\"\" data-image-caption=\"\" data-large-file=\"https:\/\/i0.wp.com\/itayachtscanada.com\/wp-content\/uploads\/2025\/07\/Capture-decran-le-2025-07-22-a-14.05.09-1.jpg?fit=700%2C465&amp;ssl=1\" \/><\/a>\n\t\t\t<\/div><\/figure><figure class='gallery-item'>\n\t\t\t<div class='gallery-icon landscape'>\n\t\t\t\t<a href='https:\/\/itayachtscanada.com\/fr\/listing\/princess-y72-m-y-2024-4695000-usd-for-sale\/capture-decran-le-2025-07-22-a-14-05-17-2\/'><img loading=\"lazy\" decoding=\"async\" width=\"300\" height=\"199\" src=\"https:\/\/i0.wp.com\/itayachtscanada.com\/wp-content\/uploads\/2025\/07\/Capture-decran-le-2025-07-22-a-14.05.17-1.jpg?fit=300%2C199&amp;ssl=1\" class=\"attachment-medium size-medium\" alt=\"\" srcset=\"https:\/\/i0.wp.com\/itayachtscanada.com\/wp-content\/uploads\/2025\/07\/Capture-decran-le-2025-07-22-a-14.05.17-1.jpg?w=1406&amp;ssl=1 1406w, https:\/\/i0.wp.com\/itayachtscanada.com\/wp-content\/uploads\/2025\/07\/Capture-decran-le-2025-07-22-a-14.05.17-1.jpg?resize=300%2C199&amp;ssl=1 300w, https:\/\/i0.wp.com\/itayachtscanada.com\/wp-content\/uploads\/2025\/07\/Capture-decran-le-2025-07-22-a-14.05.17-1.jpg?resize=1024%2C680&amp;ssl=1 1024w, https:\/\/i0.wp.com\/itayachtscanada.com\/wp-content\/uploads\/2025\/07\/Capture-decran-le-2025-07-22-a-14.05.17-1.jpg?resize=768%2C510&amp;ssl=1 768w, https:\/\/i0.wp.com\/itayachtscanada.com\/wp-content\/uploads\/2025\/07\/Capture-decran-le-2025-07-22-a-14.05.17-1.jpg?resize=700%2C465&amp;ssl=1 700w, https:\/\/i0.wp.com\/itayachtscanada.com\/wp-content\/uploads\/2025\/07\/Capture-decran-le-2025-07-22-a-14.05.17-1.jpg?resize=900%2C600&amp;ssl=1 900w, https:\/\/i0.wp.com\/itayachtscanada.com\/wp-content\/uploads\/2025\/07\/Capture-decran-le-2025-07-22-a-14.05.17-1.jpg?resize=602%2C400&amp;ssl=1 602w\" sizes=\"auto, (max-width: 300px) 100vw, 300px\" data-attachment-id=\"281504\" data-permalink=\"https:\/\/itayachtscanada.com\/fr\/listing\/princess-y72-m-y-2024-4695000-usd-for-sale\/capture-decran-le-2025-07-22-a-14-05-17-2\/\" data-orig-file=\"https:\/\/i0.wp.com\/itayachtscanada.com\/wp-content\/uploads\/2025\/07\/Capture-decran-le-2025-07-22-a-14.05.17-1.jpg?fit=1406%2C934&amp;ssl=1\" data-orig-size=\"1406,934\" data-comments-opened=\"1\" data-image-meta=\"{&quot;aperture&quot;:&quot;0&quot;,&quot;credit&quot;:&quot;&quot;,&quot;camera&quot;:&quot;&quot;,&quot;caption&quot;:&quot;&quot;,&quot;created_timestamp&quot;:&quot;0&quot;,&quot;copyright&quot;:&quot;&quot;,&quot;focal_length&quot;:&quot;0&quot;,&quot;iso&quot;:&quot;0&quot;,&quot;shutter_speed&quot;:&quot;0&quot;,&quot;title&quot;:&quot;&quot;,&quot;orientation&quot;:&quot;0&quot;}\" data-image-title=\"Capture d\u2019e\u0301cran, le 2025-07-22 a\u0300 14.05.17\" data-image-description=\"\" data-image-caption=\"\" data-large-file=\"https:\/\/i0.wp.com\/itayachtscanada.com\/wp-content\/uploads\/2025\/07\/Capture-decran-le-2025-07-22-a-14.05.17-1.jpg?fit=700%2C465&amp;ssl=1\" \/><\/a>\n\t\t\t<\/div><\/figure><figure class='gallery-item'>\n\t\t\t<div class='gallery-icon landscape'>\n\t\t\t\t<a href='https:\/\/itayachtscanada.com\/fr\/listing\/princess-y72-m-y-2024-4695000-usd-for-sale\/capture-decran-le-2025-07-22-a-14-03-30-2\/'><img loading=\"lazy\" decoding=\"async\" width=\"300\" height=\"199\" src=\"https:\/\/i0.wp.com\/itayachtscanada.com\/wp-content\/uploads\/2025\/07\/Capture-decran-le-2025-07-22-a-14.03.30-1.jpg?fit=300%2C199&amp;ssl=1\" class=\"attachment-medium size-medium\" alt=\"\" srcset=\"https:\/\/i0.wp.com\/itayachtscanada.com\/wp-content\/uploads\/2025\/07\/Capture-decran-le-2025-07-22-a-14.03.30-1.jpg?w=1406&amp;ssl=1 1406w, https:\/\/i0.wp.com\/itayachtscanada.com\/wp-content\/uploads\/2025\/07\/Capture-decran-le-2025-07-22-a-14.03.30-1.jpg?resize=300%2C199&amp;ssl=1 300w, https:\/\/i0.wp.com\/itayachtscanada.com\/wp-content\/uploads\/2025\/07\/Capture-decran-le-2025-07-22-a-14.03.30-1.jpg?resize=1024%2C680&amp;ssl=1 1024w, https:\/\/i0.wp.com\/itayachtscanada.com\/wp-content\/uploads\/2025\/07\/Capture-decran-le-2025-07-22-a-14.03.30-1.jpg?resize=768%2C510&amp;ssl=1 768w, https:\/\/i0.wp.com\/itayachtscanada.com\/wp-content\/uploads\/2025\/07\/Capture-decran-le-2025-07-22-a-14.03.30-1.jpg?resize=700%2C465&amp;ssl=1 700w, https:\/\/i0.wp.com\/itayachtscanada.com\/wp-content\/uploads\/2025\/07\/Capture-decran-le-2025-07-22-a-14.03.30-1.jpg?resize=900%2C600&amp;ssl=1 900w, https:\/\/i0.wp.com\/itayachtscanada.com\/wp-content\/uploads\/2025\/07\/Capture-decran-le-2025-07-22-a-14.03.30-1.jpg?resize=602%2C400&amp;ssl=1 602w\" sizes=\"auto, (max-width: 300px) 100vw, 300px\" data-attachment-id=\"281519\" data-permalink=\"https:\/\/itayachtscanada.com\/fr\/listing\/princess-y72-m-y-2024-4695000-usd-for-sale\/capture-decran-le-2025-07-22-a-14-03-30-2\/\" data-orig-file=\"https:\/\/i0.wp.com\/itayachtscanada.com\/wp-content\/uploads\/2025\/07\/Capture-decran-le-2025-07-22-a-14.03.30-1.jpg?fit=1406%2C934&amp;ssl=1\" data-orig-size=\"1406,934\" data-comments-opened=\"1\" data-image-meta=\"{&quot;aperture&quot;:&quot;0&quot;,&quot;credit&quot;:&quot;&quot;,&quot;camera&quot;:&quot;&quot;,&quot;caption&quot;:&quot;&quot;,&quot;created_timestamp&quot;:&quot;0&quot;,&quot;copyright&quot;:&quot;&quot;,&quot;focal_length&quot;:&quot;0&quot;,&quot;iso&quot;:&quot;0&quot;,&quot;shutter_speed&quot;:&quot;0&quot;,&quot;title&quot;:&quot;&quot;,&quot;orientation&quot;:&quot;0&quot;}\" data-image-title=\"Capture d\u2019e\u0301cran, le 2025-07-22 a\u0300 14.03.30\" data-image-description=\"\" data-image-caption=\"\" data-large-file=\"https:\/\/i0.wp.com\/itayachtscanada.com\/wp-content\/uploads\/2025\/07\/Capture-decran-le-2025-07-22-a-14.03.30-1.jpg?fit=700%2C465&amp;ssl=1\" \/><\/a>\n\t\t\t<\/div><\/figure><figure class='gallery-item'>\n\t\t\t<div class='gallery-icon landscape'>\n\t\t\t\t<a href='https:\/\/itayachtscanada.com\/fr\/listing\/princess-y72-m-y-2024-4695000-usd-for-sale\/capture-decran-le-2025-07-22-a-14-03-26-2\/'><img loading=\"lazy\" decoding=\"async\" width=\"300\" height=\"199\" src=\"https:\/\/i0.wp.com\/itayachtscanada.com\/wp-content\/uploads\/2025\/07\/Capture-decran-le-2025-07-22-a-14.03.26-1.jpg?fit=300%2C199&amp;ssl=1\" class=\"attachment-medium size-medium\" alt=\"\" srcset=\"https:\/\/i0.wp.com\/itayachtscanada.com\/wp-content\/uploads\/2025\/07\/Capture-decran-le-2025-07-22-a-14.03.26-1.jpg?w=1406&amp;ssl=1 1406w, https:\/\/i0.wp.com\/itayachtscanada.com\/wp-content\/uploads\/2025\/07\/Capture-decran-le-2025-07-22-a-14.03.26-1.jpg?resize=300%2C199&amp;ssl=1 300w, https:\/\/i0.wp.com\/itayachtscanada.com\/wp-content\/uploads\/2025\/07\/Capture-decran-le-2025-07-22-a-14.03.26-1.jpg?resize=1024%2C680&amp;ssl=1 1024w, https:\/\/i0.wp.com\/itayachtscanada.com\/wp-content\/uploads\/2025\/07\/Capture-decran-le-2025-07-22-a-14.03.26-1.jpg?resize=768%2C510&amp;ssl=1 768w, https:\/\/i0.wp.com\/itayachtscanada.com\/wp-content\/uploads\/2025\/07\/Capture-decran-le-2025-07-22-a-14.03.26-1.jpg?resize=700%2C465&amp;ssl=1 700w, https:\/\/i0.wp.com\/itayachtscanada.com\/wp-content\/uploads\/2025\/07\/Capture-decran-le-2025-07-22-a-14.03.26-1.jpg?resize=900%2C600&amp;ssl=1 900w, https:\/\/i0.wp.com\/itayachtscanada.com\/wp-content\/uploads\/2025\/07\/Capture-decran-le-2025-07-22-a-14.03.26-1.jpg?resize=602%2C400&amp;ssl=1 602w\" sizes=\"auto, (max-width: 300px) 100vw, 300px\" data-attachment-id=\"281520\" data-permalink=\"https:\/\/itayachtscanada.com\/fr\/listing\/princess-y72-m-y-2024-4695000-usd-for-sale\/capture-decran-le-2025-07-22-a-14-03-26-2\/\" data-orig-file=\"https:\/\/i0.wp.com\/itayachtscanada.com\/wp-content\/uploads\/2025\/07\/Capture-decran-le-2025-07-22-a-14.03.26-1.jpg?fit=1406%2C934&amp;ssl=1\" data-orig-size=\"1406,934\" data-comments-opened=\"1\" data-image-meta=\"{&quot;aperture&quot;:&quot;0&quot;,&quot;credit&quot;:&quot;&quot;,&quot;camera&quot;:&quot;&quot;,&quot;caption&quot;:&quot;&quot;,&quot;created_timestamp&quot;:&quot;0&quot;,&quot;copyright&quot;:&quot;&quot;,&quot;focal_length&quot;:&quot;0&quot;,&quot;iso&quot;:&quot;0&quot;,&quot;shutter_speed&quot;:&quot;0&quot;,&quot;title&quot;:&quot;&quot;,&quot;orientation&quot;:&quot;0&quot;}\" data-image-title=\"Capture d\u2019e\u0301cran, le 2025-07-22 a\u0300 14.03.26\" data-image-description=\"\" data-image-caption=\"\" data-large-file=\"https:\/\/i0.wp.com\/itayachtscanada.com\/wp-content\/uploads\/2025\/07\/Capture-decran-le-2025-07-22-a-14.03.26-1.jpg?fit=700%2C465&amp;ssl=1\" \/><\/a>\n\t\t\t<\/div><\/figure><figure class='gallery-item'>\n\t\t\t<div class='gallery-icon landscape'>\n\t\t\t\t<a href='https:\/\/itayachtscanada.com\/fr\/listing\/princess-y72-m-y-2024-4695000-usd-for-sale\/capture-decran-le-2025-07-22-a-14-02-19-2\/'><img loading=\"lazy\" decoding=\"async\" width=\"300\" height=\"199\" src=\"https:\/\/i0.wp.com\/itayachtscanada.com\/wp-content\/uploads\/2025\/07\/Capture-decran-le-2025-07-22-a-14.02.19-1.jpg?fit=300%2C199&amp;ssl=1\" class=\"attachment-medium size-medium\" alt=\"\" srcset=\"https:\/\/i0.wp.com\/itayachtscanada.com\/wp-content\/uploads\/2025\/07\/Capture-decran-le-2025-07-22-a-14.02.19-1.jpg?w=1406&amp;ssl=1 1406w, https:\/\/i0.wp.com\/itayachtscanada.com\/wp-content\/uploads\/2025\/07\/Capture-decran-le-2025-07-22-a-14.02.19-1.jpg?resize=300%2C199&amp;ssl=1 300w, https:\/\/i0.wp.com\/itayachtscanada.com\/wp-content\/uploads\/2025\/07\/Capture-decran-le-2025-07-22-a-14.02.19-1.jpg?resize=1024%2C680&amp;ssl=1 1024w, https:\/\/i0.wp.com\/itayachtscanada.com\/wp-content\/uploads\/2025\/07\/Capture-decran-le-2025-07-22-a-14.02.19-1.jpg?resize=768%2C510&amp;ssl=1 768w, https:\/\/i0.wp.com\/itayachtscanada.com\/wp-content\/uploads\/2025\/07\/Capture-decran-le-2025-07-22-a-14.02.19-1.jpg?resize=700%2C465&amp;ssl=1 700w, https:\/\/i0.wp.com\/itayachtscanada.com\/wp-content\/uploads\/2025\/07\/Capture-decran-le-2025-07-22-a-14.02.19-1.jpg?resize=900%2C600&amp;ssl=1 900w, https:\/\/i0.wp.com\/itayachtscanada.com\/wp-content\/uploads\/2025\/07\/Capture-decran-le-2025-07-22-a-14.02.19-1.jpg?resize=602%2C400&amp;ssl=1 602w\" sizes=\"auto, (max-width: 300px) 100vw, 300px\" data-attachment-id=\"281525\" data-permalink=\"https:\/\/itayachtscanada.com\/fr\/listing\/princess-y72-m-y-2024-4695000-usd-for-sale\/capture-decran-le-2025-07-22-a-14-02-19-2\/\" data-orig-file=\"https:\/\/i0.wp.com\/itayachtscanada.com\/wp-content\/uploads\/2025\/07\/Capture-decran-le-2025-07-22-a-14.02.19-1.jpg?fit=1406%2C934&amp;ssl=1\" data-orig-size=\"1406,934\" data-comments-opened=\"1\" data-image-meta=\"{&quot;aperture&quot;:&quot;0&quot;,&quot;credit&quot;:&quot;&quot;,&quot;camera&quot;:&quot;&quot;,&quot;caption&quot;:&quot;&quot;,&quot;created_timestamp&quot;:&quot;0&quot;,&quot;copyright&quot;:&quot;&quot;,&quot;focal_length&quot;:&quot;0&quot;,&quot;iso&quot;:&quot;0&quot;,&quot;shutter_speed&quot;:&quot;0&quot;,&quot;title&quot;:&quot;&quot;,&quot;orientation&quot;:&quot;0&quot;}\" data-image-title=\"Capture d\u2019e\u0301cran, le 2025-07-22 a\u0300 14.02.19\" data-image-description=\"\" data-image-caption=\"\" data-large-file=\"https:\/\/i0.wp.com\/itayachtscanada.com\/wp-content\/uploads\/2025\/07\/Capture-decran-le-2025-07-22-a-14.02.19-1.jpg?fit=700%2C465&amp;ssl=1\" \/><\/a>\n\t\t\t<\/div><\/figure><figure class='gallery-item'>\n\t\t\t<div class='gallery-icon landscape'>\n\t\t\t\t<a href='https:\/\/itayachtscanada.com\/fr\/listing\/princess-y72-m-y-2024-4695000-usd-for-sale\/capture-decran-le-2025-07-22-a-14-02-22-2\/'><img loading=\"lazy\" decoding=\"async\" width=\"300\" height=\"199\" src=\"https:\/\/i0.wp.com\/itayachtscanada.com\/wp-content\/uploads\/2025\/07\/Capture-decran-le-2025-07-22-a-14.02.22-1.jpg?fit=300%2C199&amp;ssl=1\" class=\"attachment-medium size-medium\" alt=\"\" srcset=\"https:\/\/i0.wp.com\/itayachtscanada.com\/wp-content\/uploads\/2025\/07\/Capture-decran-le-2025-07-22-a-14.02.22-1.jpg?w=1406&amp;ssl=1 1406w, https:\/\/i0.wp.com\/itayachtscanada.com\/wp-content\/uploads\/2025\/07\/Capture-decran-le-2025-07-22-a-14.02.22-1.jpg?resize=300%2C199&amp;ssl=1 300w, https:\/\/i0.wp.com\/itayachtscanada.com\/wp-content\/uploads\/2025\/07\/Capture-decran-le-2025-07-22-a-14.02.22-1.jpg?resize=1024%2C680&amp;ssl=1 1024w, https:\/\/i0.wp.com\/itayachtscanada.com\/wp-content\/uploads\/2025\/07\/Capture-decran-le-2025-07-22-a-14.02.22-1.jpg?resize=768%2C510&amp;ssl=1 768w, https:\/\/i0.wp.com\/itayachtscanada.com\/wp-content\/uploads\/2025\/07\/Capture-decran-le-2025-07-22-a-14.02.22-1.jpg?resize=700%2C465&amp;ssl=1 700w, https:\/\/i0.wp.com\/itayachtscanada.com\/wp-content\/uploads\/2025\/07\/Capture-decran-le-2025-07-22-a-14.02.22-1.jpg?resize=900%2C600&amp;ssl=1 900w, https:\/\/i0.wp.com\/itayachtscanada.com\/wp-content\/uploads\/2025\/07\/Capture-decran-le-2025-07-22-a-14.02.22-1.jpg?resize=602%2C400&amp;ssl=1 602w\" sizes=\"auto, (max-width: 300px) 100vw, 300px\" data-attachment-id=\"281524\" data-permalink=\"https:\/\/itayachtscanada.com\/fr\/listing\/princess-y72-m-y-2024-4695000-usd-for-sale\/capture-decran-le-2025-07-22-a-14-02-22-2\/\" data-orig-file=\"https:\/\/i0.wp.com\/itayachtscanada.com\/wp-content\/uploads\/2025\/07\/Capture-decran-le-2025-07-22-a-14.02.22-1.jpg?fit=1406%2C934&amp;ssl=1\" data-orig-size=\"1406,934\" data-comments-opened=\"1\" data-image-meta=\"{&quot;aperture&quot;:&quot;0&quot;,&quot;credit&quot;:&quot;&quot;,&quot;camera&quot;:&quot;&quot;,&quot;caption&quot;:&quot;&quot;,&quot;created_timestamp&quot;:&quot;0&quot;,&quot;copyright&quot;:&quot;&quot;,&quot;focal_length&quot;:&quot;0&quot;,&quot;iso&quot;:&quot;0&quot;,&quot;shutter_speed&quot;:&quot;0&quot;,&quot;title&quot;:&quot;&quot;,&quot;orientation&quot;:&quot;0&quot;}\" data-image-title=\"Capture d\u2019e\u0301cran, le 2025-07-22 a\u0300 14.02.22\" data-image-description=\"\" data-image-caption=\"\" data-large-file=\"https:\/\/i0.wp.com\/itayachtscanada.com\/wp-content\/uploads\/2025\/07\/Capture-decran-le-2025-07-22-a-14.02.22-1.jpg?fit=700%2C465&amp;ssl=1\" \/><\/a>\n\t\t\t<\/div><\/figure><figure class='gallery-item'>\n\t\t\t<div class='gallery-icon landscape'>\n\t\t\t\t<a href='https:\/\/itayachtscanada.com\/fr\/listing\/princess-y72-m-y-2024-4695000-usd-for-sale\/capture-decran-le-2025-07-22-a-14-02-26-2\/'><img loading=\"lazy\" decoding=\"async\" width=\"300\" height=\"199\" src=\"https:\/\/i0.wp.com\/itayachtscanada.com\/wp-content\/uploads\/2025\/07\/Capture-decran-le-2025-07-22-a-14.02.26-1.jpg?fit=300%2C199&amp;ssl=1\" class=\"attachment-medium size-medium\" alt=\"\" srcset=\"https:\/\/i0.wp.com\/itayachtscanada.com\/wp-content\/uploads\/2025\/07\/Capture-decran-le-2025-07-22-a-14.02.26-1.jpg?w=1406&amp;ssl=1 1406w, https:\/\/i0.wp.com\/itayachtscanada.com\/wp-content\/uploads\/2025\/07\/Capture-decran-le-2025-07-22-a-14.02.26-1.jpg?resize=300%2C199&amp;ssl=1 300w, https:\/\/i0.wp.com\/itayachtscanada.com\/wp-content\/uploads\/2025\/07\/Capture-decran-le-2025-07-22-a-14.02.26-1.jpg?resize=1024%2C680&amp;ssl=1 1024w, https:\/\/i0.wp.com\/itayachtscanada.com\/wp-content\/uploads\/2025\/07\/Capture-decran-le-2025-07-22-a-14.02.26-1.jpg?resize=768%2C510&amp;ssl=1 768w, https:\/\/i0.wp.com\/itayachtscanada.com\/wp-content\/uploads\/2025\/07\/Capture-decran-le-2025-07-22-a-14.02.26-1.jpg?resize=700%2C465&amp;ssl=1 700w, https:\/\/i0.wp.com\/itayachtscanada.com\/wp-content\/uploads\/2025\/07\/Capture-decran-le-2025-07-22-a-14.02.26-1.jpg?resize=900%2C600&amp;ssl=1 900w, https:\/\/i0.wp.com\/itayachtscanada.com\/wp-content\/uploads\/2025\/07\/Capture-decran-le-2025-07-22-a-14.02.26-1.jpg?resize=602%2C400&amp;ssl=1 602w\" sizes=\"auto, (max-width: 300px) 100vw, 300px\" data-attachment-id=\"281523\" data-permalink=\"https:\/\/itayachtscanada.com\/fr\/listing\/princess-y72-m-y-2024-4695000-usd-for-sale\/capture-decran-le-2025-07-22-a-14-02-26-2\/\" data-orig-file=\"https:\/\/i0.wp.com\/itayachtscanada.com\/wp-content\/uploads\/2025\/07\/Capture-decran-le-2025-07-22-a-14.02.26-1.jpg?fit=1406%2C934&amp;ssl=1\" data-orig-size=\"1406,934\" data-comments-opened=\"1\" data-image-meta=\"{&quot;aperture&quot;:&quot;0&quot;,&quot;credit&quot;:&quot;&quot;,&quot;camera&quot;:&quot;&quot;,&quot;caption&quot;:&quot;&quot;,&quot;created_timestamp&quot;:&quot;0&quot;,&quot;copyright&quot;:&quot;&quot;,&quot;focal_length&quot;:&quot;0&quot;,&quot;iso&quot;:&quot;0&quot;,&quot;shutter_speed&quot;:&quot;0&quot;,&quot;title&quot;:&quot;&quot;,&quot;orientation&quot;:&quot;0&quot;}\" data-image-title=\"Capture d\u2019e\u0301cran, le 2025-07-22 a\u0300 14.02.26\" data-image-description=\"\" data-image-caption=\"\" data-large-file=\"https:\/\/i0.wp.com\/itayachtscanada.com\/wp-content\/uploads\/2025\/07\/Capture-decran-le-2025-07-22-a-14.02.26-1.jpg?fit=700%2C465&amp;ssl=1\" \/><\/a>\n\t\t\t<\/div><\/figure><figure class='gallery-item'>\n\t\t\t<div class='gallery-icon landscape'>\n\t\t\t\t<a href='https:\/\/itayachtscanada.com\/fr\/listing\/princess-y72-m-y-2024-4695000-usd-for-sale\/capture-decran-le-2025-07-22-a-14-01-33-2\/'><img loading=\"lazy\" decoding=\"async\" width=\"300\" height=\"199\" src=\"https:\/\/i0.wp.com\/itayachtscanada.com\/wp-content\/uploads\/2025\/07\/Capture-decran-le-2025-07-22-a-14.01.33-1.jpg?fit=300%2C199&amp;ssl=1\" class=\"attachment-medium size-medium\" alt=\"\" srcset=\"https:\/\/i0.wp.com\/itayachtscanada.com\/wp-content\/uploads\/2025\/07\/Capture-decran-le-2025-07-22-a-14.01.33-1.jpg?w=1406&amp;ssl=1 1406w, https:\/\/i0.wp.com\/itayachtscanada.com\/wp-content\/uploads\/2025\/07\/Capture-decran-le-2025-07-22-a-14.01.33-1.jpg?resize=300%2C199&amp;ssl=1 300w, https:\/\/i0.wp.com\/itayachtscanada.com\/wp-content\/uploads\/2025\/07\/Capture-decran-le-2025-07-22-a-14.01.33-1.jpg?resize=1024%2C680&amp;ssl=1 1024w, https:\/\/i0.wp.com\/itayachtscanada.com\/wp-content\/uploads\/2025\/07\/Capture-decran-le-2025-07-22-a-14.01.33-1.jpg?resize=768%2C510&amp;ssl=1 768w, https:\/\/i0.wp.com\/itayachtscanada.com\/wp-content\/uploads\/2025\/07\/Capture-decran-le-2025-07-22-a-14.01.33-1.jpg?resize=700%2C465&amp;ssl=1 700w, https:\/\/i0.wp.com\/itayachtscanada.com\/wp-content\/uploads\/2025\/07\/Capture-decran-le-2025-07-22-a-14.01.33-1.jpg?resize=900%2C600&amp;ssl=1 900w, https:\/\/i0.wp.com\/itayachtscanada.com\/wp-content\/uploads\/2025\/07\/Capture-decran-le-2025-07-22-a-14.01.33-1.jpg?resize=602%2C400&amp;ssl=1 602w\" sizes=\"auto, (max-width: 300px) 100vw, 300px\" data-attachment-id=\"281533\" data-permalink=\"https:\/\/itayachtscanada.com\/fr\/listing\/princess-y72-m-y-2024-4695000-usd-for-sale\/capture-decran-le-2025-07-22-a-14-01-33-2\/\" data-orig-file=\"https:\/\/i0.wp.com\/itayachtscanada.com\/wp-content\/uploads\/2025\/07\/Capture-decran-le-2025-07-22-a-14.01.33-1.jpg?fit=1406%2C934&amp;ssl=1\" data-orig-size=\"1406,934\" data-comments-opened=\"1\" data-image-meta=\"{&quot;aperture&quot;:&quot;0&quot;,&quot;credit&quot;:&quot;&quot;,&quot;camera&quot;:&quot;&quot;,&quot;caption&quot;:&quot;&quot;,&quot;created_timestamp&quot;:&quot;0&quot;,&quot;copyright&quot;:&quot;&quot;,&quot;focal_length&quot;:&quot;0&quot;,&quot;iso&quot;:&quot;0&quot;,&quot;shutter_speed&quot;:&quot;0&quot;,&quot;title&quot;:&quot;&quot;,&quot;orientation&quot;:&quot;0&quot;}\" data-image-title=\"Capture d\u2019e\u0301cran, le 2025-07-22 a\u0300 14.01.33\" data-image-description=\"\" data-image-caption=\"\" data-large-file=\"https:\/\/i0.wp.com\/itayachtscanada.com\/wp-content\/uploads\/2025\/07\/Capture-decran-le-2025-07-22-a-14.01.33-1.jpg?fit=700%2C465&amp;ssl=1\" \/><\/a>\n\t\t\t<\/div><\/figure><figure class='gallery-item'>\n\t\t\t<div class='gallery-icon landscape'>\n\t\t\t\t<a href='https:\/\/itayachtscanada.com\/fr\/listing\/princess-y72-m-y-2024-4695000-usd-for-sale\/capture-decran-le-2025-07-22-a-14-01-30-2\/'><img loading=\"lazy\" decoding=\"async\" width=\"300\" height=\"199\" src=\"https:\/\/i0.wp.com\/itayachtscanada.com\/wp-content\/uploads\/2025\/07\/Capture-decran-le-2025-07-22-a-14.01.30-1.jpg?fit=300%2C199&amp;ssl=1\" class=\"attachment-medium size-medium\" alt=\"\" srcset=\"https:\/\/i0.wp.com\/itayachtscanada.com\/wp-content\/uploads\/2025\/07\/Capture-decran-le-2025-07-22-a-14.01.30-1.jpg?w=1406&amp;ssl=1 1406w, https:\/\/i0.wp.com\/itayachtscanada.com\/wp-content\/uploads\/2025\/07\/Capture-decran-le-2025-07-22-a-14.01.30-1.jpg?resize=300%2C199&amp;ssl=1 300w, https:\/\/i0.wp.com\/itayachtscanada.com\/wp-content\/uploads\/2025\/07\/Capture-decran-le-2025-07-22-a-14.01.30-1.jpg?resize=1024%2C680&amp;ssl=1 1024w, https:\/\/i0.wp.com\/itayachtscanada.com\/wp-content\/uploads\/2025\/07\/Capture-decran-le-2025-07-22-a-14.01.30-1.jpg?resize=768%2C510&amp;ssl=1 768w, https:\/\/i0.wp.com\/itayachtscanada.com\/wp-content\/uploads\/2025\/07\/Capture-decran-le-2025-07-22-a-14.01.30-1.jpg?resize=700%2C465&amp;ssl=1 700w, https:\/\/i0.wp.com\/itayachtscanada.com\/wp-content\/uploads\/2025\/07\/Capture-decran-le-2025-07-22-a-14.01.30-1.jpg?resize=900%2C600&amp;ssl=1 900w, https:\/\/i0.wp.com\/itayachtscanada.com\/wp-content\/uploads\/2025\/07\/Capture-decran-le-2025-07-22-a-14.01.30-1.jpg?resize=602%2C400&amp;ssl=1 602w\" sizes=\"auto, (max-width: 300px) 100vw, 300px\" data-attachment-id=\"281534\" data-permalink=\"https:\/\/itayachtscanada.com\/fr\/listing\/princess-y72-m-y-2024-4695000-usd-for-sale\/capture-decran-le-2025-07-22-a-14-01-30-2\/\" data-orig-file=\"https:\/\/i0.wp.com\/itayachtscanada.com\/wp-content\/uploads\/2025\/07\/Capture-decran-le-2025-07-22-a-14.01.30-1.jpg?fit=1406%2C934&amp;ssl=1\" data-orig-size=\"1406,934\" data-comments-opened=\"1\" data-image-meta=\"{&quot;aperture&quot;:&quot;0&quot;,&quot;credit&quot;:&quot;&quot;,&quot;camera&quot;:&quot;&quot;,&quot;caption&quot;:&quot;&quot;,&quot;created_timestamp&quot;:&quot;0&quot;,&quot;copyright&quot;:&quot;&quot;,&quot;focal_length&quot;:&quot;0&quot;,&quot;iso&quot;:&quot;0&quot;,&quot;shutter_speed&quot;:&quot;0&quot;,&quot;title&quot;:&quot;&quot;,&quot;orientation&quot;:&quot;0&quot;}\" data-image-title=\"Capture d\u2019e\u0301cran, le 2025-07-22 a\u0300 14.01.30\" data-image-description=\"\" data-image-caption=\"\" data-large-file=\"https:\/\/i0.wp.com\/itayachtscanada.com\/wp-content\/uploads\/2025\/07\/Capture-decran-le-2025-07-22-a-14.01.30-1.jpg?fit=700%2C465&amp;ssl=1\" \/><\/a>\n\t\t\t<\/div><\/figure><figure class='gallery-item'>\n\t\t\t<div class='gallery-icon landscape'>\n\t\t\t\t<a href='https:\/\/itayachtscanada.com\/fr\/listing\/princess-y72-m-y-2024-4695000-usd-for-sale\/capture-decran-le-2025-07-22-a-14-01-20-2\/'><img loading=\"lazy\" decoding=\"async\" width=\"300\" height=\"199\" src=\"https:\/\/i0.wp.com\/itayachtscanada.com\/wp-content\/uploads\/2025\/07\/Capture-decran-le-2025-07-22-a-14.01.20-1.jpg?fit=300%2C199&amp;ssl=1\" class=\"attachment-medium size-medium\" alt=\"\" srcset=\"https:\/\/i0.wp.com\/itayachtscanada.com\/wp-content\/uploads\/2025\/07\/Capture-decran-le-2025-07-22-a-14.01.20-1.jpg?w=1406&amp;ssl=1 1406w, https:\/\/i0.wp.com\/itayachtscanada.com\/wp-content\/uploads\/2025\/07\/Capture-decran-le-2025-07-22-a-14.01.20-1.jpg?resize=300%2C199&amp;ssl=1 300w, https:\/\/i0.wp.com\/itayachtscanada.com\/wp-content\/uploads\/2025\/07\/Capture-decran-le-2025-07-22-a-14.01.20-1.jpg?resize=1024%2C680&amp;ssl=1 1024w, https:\/\/i0.wp.com\/itayachtscanada.com\/wp-content\/uploads\/2025\/07\/Capture-decran-le-2025-07-22-a-14.01.20-1.jpg?resize=768%2C510&amp;ssl=1 768w, https:\/\/i0.wp.com\/itayachtscanada.com\/wp-content\/uploads\/2025\/07\/Capture-decran-le-2025-07-22-a-14.01.20-1.jpg?resize=700%2C465&amp;ssl=1 700w, https:\/\/i0.wp.com\/itayachtscanada.com\/wp-content\/uploads\/2025\/07\/Capture-decran-le-2025-07-22-a-14.01.20-1.jpg?resize=900%2C600&amp;ssl=1 900w, https:\/\/i0.wp.com\/itayachtscanada.com\/wp-content\/uploads\/2025\/07\/Capture-decran-le-2025-07-22-a-14.01.20-1.jpg?resize=602%2C400&amp;ssl=1 602w\" sizes=\"auto, (max-width: 300px) 100vw, 300px\" data-attachment-id=\"281537\" data-permalink=\"https:\/\/itayachtscanada.com\/fr\/listing\/princess-y72-m-y-2024-4695000-usd-for-sale\/capture-decran-le-2025-07-22-a-14-01-20-2\/\" data-orig-file=\"https:\/\/i0.wp.com\/itayachtscanada.com\/wp-content\/uploads\/2025\/07\/Capture-decran-le-2025-07-22-a-14.01.20-1.jpg?fit=1406%2C934&amp;ssl=1\" data-orig-size=\"1406,934\" data-comments-opened=\"1\" data-image-meta=\"{&quot;aperture&quot;:&quot;0&quot;,&quot;credit&quot;:&quot;&quot;,&quot;camera&quot;:&quot;&quot;,&quot;caption&quot;:&quot;&quot;,&quot;created_timestamp&quot;:&quot;0&quot;,&quot;copyright&quot;:&quot;&quot;,&quot;focal_length&quot;:&quot;0&quot;,&quot;iso&quot;:&quot;0&quot;,&quot;shutter_speed&quot;:&quot;0&quot;,&quot;title&quot;:&quot;&quot;,&quot;orientation&quot;:&quot;0&quot;}\" data-image-title=\"Capture d\u2019e\u0301cran, le 2025-07-22 a\u0300 14.01.20\" data-image-description=\"\" data-image-caption=\"\" data-large-file=\"https:\/\/i0.wp.com\/itayachtscanada.com\/wp-content\/uploads\/2025\/07\/Capture-decran-le-2025-07-22-a-14.01.20-1.jpg?fit=700%2C465&amp;ssl=1\" \/><\/a>\n\t\t\t<\/div><\/figure><figure class='gallery-item'>\n\t\t\t<div class='gallery-icon landscape'>\n\t\t\t\t<a href='https:\/\/itayachtscanada.com\/fr\/listing\/princess-y72-m-y-2024-4695000-usd-for-sale\/capture-decran-le-2025-07-22-a-14-02-42-2\/'><img loading=\"lazy\" decoding=\"async\" width=\"300\" height=\"199\" src=\"https:\/\/i0.wp.com\/itayachtscanada.com\/wp-content\/uploads\/2025\/07\/Capture-decran-le-2025-07-22-a-14.02.42-1.jpg?fit=300%2C199&amp;ssl=1\" class=\"attachment-medium size-medium\" alt=\"\" srcset=\"https:\/\/i0.wp.com\/itayachtscanada.com\/wp-content\/uploads\/2025\/07\/Capture-decran-le-2025-07-22-a-14.02.42-1.jpg?w=1406&amp;ssl=1 1406w, https:\/\/i0.wp.com\/itayachtscanada.com\/wp-content\/uploads\/2025\/07\/Capture-decran-le-2025-07-22-a-14.02.42-1.jpg?resize=300%2C199&amp;ssl=1 300w, https:\/\/i0.wp.com\/itayachtscanada.com\/wp-content\/uploads\/2025\/07\/Capture-decran-le-2025-07-22-a-14.02.42-1.jpg?resize=1024%2C680&amp;ssl=1 1024w, https:\/\/i0.wp.com\/itayachtscanada.com\/wp-content\/uploads\/2025\/07\/Capture-decran-le-2025-07-22-a-14.02.42-1.jpg?resize=768%2C510&amp;ssl=1 768w, https:\/\/i0.wp.com\/itayachtscanada.com\/wp-content\/uploads\/2025\/07\/Capture-decran-le-2025-07-22-a-14.02.42-1.jpg?resize=700%2C465&amp;ssl=1 700w, https:\/\/i0.wp.com\/itayachtscanada.com\/wp-content\/uploads\/2025\/07\/Capture-decran-le-2025-07-22-a-14.02.42-1.jpg?resize=900%2C600&amp;ssl=1 900w, https:\/\/i0.wp.com\/itayachtscanada.com\/wp-content\/uploads\/2025\/07\/Capture-decran-le-2025-07-22-a-14.02.42-1.jpg?resize=602%2C400&amp;ssl=1 602w\" sizes=\"auto, (max-width: 300px) 100vw, 300px\" data-attachment-id=\"281522\" data-permalink=\"https:\/\/itayachtscanada.com\/fr\/listing\/princess-y72-m-y-2024-4695000-usd-for-sale\/capture-decran-le-2025-07-22-a-14-02-42-2\/\" data-orig-file=\"https:\/\/i0.wp.com\/itayachtscanada.com\/wp-content\/uploads\/2025\/07\/Capture-decran-le-2025-07-22-a-14.02.42-1.jpg?fit=1406%2C934&amp;ssl=1\" data-orig-size=\"1406,934\" data-comments-opened=\"1\" data-image-meta=\"{&quot;aperture&quot;:&quot;0&quot;,&quot;credit&quot;:&quot;&quot;,&quot;camera&quot;:&quot;&quot;,&quot;caption&quot;:&quot;&quot;,&quot;created_timestamp&quot;:&quot;0&quot;,&quot;copyright&quot;:&quot;&quot;,&quot;focal_length&quot;:&quot;0&quot;,&quot;iso&quot;:&quot;0&quot;,&quot;shutter_speed&quot;:&quot;0&quot;,&quot;title&quot;:&quot;&quot;,&quot;orientation&quot;:&quot;0&quot;}\" data-image-title=\"Capture d\u2019e\u0301cran, le 2025-07-22 a\u0300 14.02.42\" data-image-description=\"\" data-image-caption=\"\" data-large-file=\"https:\/\/i0.wp.com\/itayachtscanada.com\/wp-content\/uploads\/2025\/07\/Capture-decran-le-2025-07-22-a-14.02.42-1.jpg?fit=700%2C465&amp;ssl=1\" \/><\/a>\n\t\t\t<\/div><\/figure><figure class='gallery-item'>\n\t\t\t<div class='gallery-icon landscape'>\n\t\t\t\t<a href='https:\/\/itayachtscanada.com\/fr\/listing\/princess-y72-m-y-2024-4695000-usd-for-sale\/capture-decran-le-2025-07-22-a-14-01-23-2\/'><img loading=\"lazy\" decoding=\"async\" width=\"300\" height=\"199\" src=\"https:\/\/i0.wp.com\/itayachtscanada.com\/wp-content\/uploads\/2025\/07\/Capture-decran-le-2025-07-22-a-14.01.23-1.jpg?fit=300%2C199&amp;ssl=1\" class=\"attachment-medium size-medium\" alt=\"\" srcset=\"https:\/\/i0.wp.com\/itayachtscanada.com\/wp-content\/uploads\/2025\/07\/Capture-decran-le-2025-07-22-a-14.01.23-1.jpg?w=1406&amp;ssl=1 1406w, https:\/\/i0.wp.com\/itayachtscanada.com\/wp-content\/uploads\/2025\/07\/Capture-decran-le-2025-07-22-a-14.01.23-1.jpg?resize=300%2C199&amp;ssl=1 300w, https:\/\/i0.wp.com\/itayachtscanada.com\/wp-content\/uploads\/2025\/07\/Capture-decran-le-2025-07-22-a-14.01.23-1.jpg?resize=1024%2C680&amp;ssl=1 1024w, https:\/\/i0.wp.com\/itayachtscanada.com\/wp-content\/uploads\/2025\/07\/Capture-decran-le-2025-07-22-a-14.01.23-1.jpg?resize=768%2C510&amp;ssl=1 768w, https:\/\/i0.wp.com\/itayachtscanada.com\/wp-content\/uploads\/2025\/07\/Capture-decran-le-2025-07-22-a-14.01.23-1.jpg?resize=700%2C465&amp;ssl=1 700w, https:\/\/i0.wp.com\/itayachtscanada.com\/wp-content\/uploads\/2025\/07\/Capture-decran-le-2025-07-22-a-14.01.23-1.jpg?resize=900%2C600&amp;ssl=1 900w, https:\/\/i0.wp.com\/itayachtscanada.com\/wp-content\/uploads\/2025\/07\/Capture-decran-le-2025-07-22-a-14.01.23-1.jpg?resize=602%2C400&amp;ssl=1 602w\" sizes=\"auto, (max-width: 300px) 100vw, 300px\" data-attachment-id=\"281536\" data-permalink=\"https:\/\/itayachtscanada.com\/fr\/listing\/princess-y72-m-y-2024-4695000-usd-for-sale\/capture-decran-le-2025-07-22-a-14-01-23-2\/\" data-orig-file=\"https:\/\/i0.wp.com\/itayachtscanada.com\/wp-content\/uploads\/2025\/07\/Capture-decran-le-2025-07-22-a-14.01.23-1.jpg?fit=1406%2C934&amp;ssl=1\" data-orig-size=\"1406,934\" data-comments-opened=\"1\" data-image-meta=\"{&quot;aperture&quot;:&quot;0&quot;,&quot;credit&quot;:&quot;&quot;,&quot;camera&quot;:&quot;&quot;,&quot;caption&quot;:&quot;&quot;,&quot;created_timestamp&quot;:&quot;0&quot;,&quot;copyright&quot;:&quot;&quot;,&quot;focal_length&quot;:&quot;0&quot;,&quot;iso&quot;:&quot;0&quot;,&quot;shutter_speed&quot;:&quot;0&quot;,&quot;title&quot;:&quot;&quot;,&quot;orientation&quot;:&quot;0&quot;}\" data-image-title=\"Capture d\u2019e\u0301cran, le 2025-07-22 a\u0300 14.01.23\" data-image-description=\"\" data-image-caption=\"\" data-large-file=\"https:\/\/i0.wp.com\/itayachtscanada.com\/wp-content\/uploads\/2025\/07\/Capture-decran-le-2025-07-22-a-14.01.23-1.jpg?fit=700%2C465&amp;ssl=1\" \/><\/a>\n\t\t\t<\/div><\/figure><figure class='gallery-item'>\n\t\t\t<div class='gallery-icon landscape'>\n\t\t\t\t<a href='https:\/\/itayachtscanada.com\/fr\/listing\/princess-y72-m-y-2024-4695000-usd-for-sale\/capture-decran-le-2025-07-22-a-14-01-27-2\/'><img loading=\"lazy\" decoding=\"async\" width=\"300\" height=\"199\" src=\"https:\/\/i0.wp.com\/itayachtscanada.com\/wp-content\/uploads\/2025\/07\/Capture-decran-le-2025-07-22-a-14.01.27-1.jpg?fit=300%2C199&amp;ssl=1\" class=\"attachment-medium size-medium\" alt=\"\" srcset=\"https:\/\/i0.wp.com\/itayachtscanada.com\/wp-content\/uploads\/2025\/07\/Capture-decran-le-2025-07-22-a-14.01.27-1.jpg?w=1406&amp;ssl=1 1406w, https:\/\/i0.wp.com\/itayachtscanada.com\/wp-content\/uploads\/2025\/07\/Capture-decran-le-2025-07-22-a-14.01.27-1.jpg?resize=300%2C199&amp;ssl=1 300w, https:\/\/i0.wp.com\/itayachtscanada.com\/wp-content\/uploads\/2025\/07\/Capture-decran-le-2025-07-22-a-14.01.27-1.jpg?resize=1024%2C680&amp;ssl=1 1024w, https:\/\/i0.wp.com\/itayachtscanada.com\/wp-content\/uploads\/2025\/07\/Capture-decran-le-2025-07-22-a-14.01.27-1.jpg?resize=768%2C510&amp;ssl=1 768w, https:\/\/i0.wp.com\/itayachtscanada.com\/wp-content\/uploads\/2025\/07\/Capture-decran-le-2025-07-22-a-14.01.27-1.jpg?resize=700%2C465&amp;ssl=1 700w, https:\/\/i0.wp.com\/itayachtscanada.com\/wp-content\/uploads\/2025\/07\/Capture-decran-le-2025-07-22-a-14.01.27-1.jpg?resize=900%2C600&amp;ssl=1 900w, https:\/\/i0.wp.com\/itayachtscanada.com\/wp-content\/uploads\/2025\/07\/Capture-decran-le-2025-07-22-a-14.01.27-1.jpg?resize=602%2C400&amp;ssl=1 602w\" sizes=\"auto, (max-width: 300px) 100vw, 300px\" data-attachment-id=\"281535\" data-permalink=\"https:\/\/itayachtscanada.com\/fr\/listing\/princess-y72-m-y-2024-4695000-usd-for-sale\/capture-decran-le-2025-07-22-a-14-01-27-2\/\" data-orig-file=\"https:\/\/i0.wp.com\/itayachtscanada.com\/wp-content\/uploads\/2025\/07\/Capture-decran-le-2025-07-22-a-14.01.27-1.jpg?fit=1406%2C934&amp;ssl=1\" data-orig-size=\"1406,934\" data-comments-opened=\"1\" data-image-meta=\"{&quot;aperture&quot;:&quot;0&quot;,&quot;credit&quot;:&quot;&quot;,&quot;camera&quot;:&quot;&quot;,&quot;caption&quot;:&quot;&quot;,&quot;created_timestamp&quot;:&quot;0&quot;,&quot;copyright&quot;:&quot;&quot;,&quot;focal_length&quot;:&quot;0&quot;,&quot;iso&quot;:&quot;0&quot;,&quot;shutter_speed&quot;:&quot;0&quot;,&quot;title&quot;:&quot;&quot;,&quot;orientation&quot;:&quot;0&quot;}\" data-image-title=\"Capture d\u2019e\u0301cran, le 2025-07-22 a\u0300 14.01.27\" data-image-description=\"\" data-image-caption=\"\" data-large-file=\"https:\/\/i0.wp.com\/itayachtscanada.com\/wp-content\/uploads\/2025\/07\/Capture-decran-le-2025-07-22-a-14.01.27-1.jpg?fit=700%2C465&amp;ssl=1\" \/><\/a>\n\t\t\t<\/div><\/figure><figure class='gallery-item'>\n\t\t\t<div class='gallery-icon landscape'>\n\t\t\t\t<a href='https:\/\/itayachtscanada.com\/fr\/listing\/princess-y72-m-y-2024-4695000-usd-for-sale\/capture-decran-le-2025-07-22-a-14-01-17-2\/'><img loading=\"lazy\" decoding=\"async\" width=\"300\" height=\"199\" src=\"https:\/\/i0.wp.com\/itayachtscanada.com\/wp-content\/uploads\/2025\/07\/Capture-decran-le-2025-07-22-a-14.01.17-1.jpg?fit=300%2C199&amp;ssl=1\" class=\"attachment-medium size-medium\" alt=\"\" srcset=\"https:\/\/i0.wp.com\/itayachtscanada.com\/wp-content\/uploads\/2025\/07\/Capture-decran-le-2025-07-22-a-14.01.17-1.jpg?w=1406&amp;ssl=1 1406w, https:\/\/i0.wp.com\/itayachtscanada.com\/wp-content\/uploads\/2025\/07\/Capture-decran-le-2025-07-22-a-14.01.17-1.jpg?resize=300%2C199&amp;ssl=1 300w, https:\/\/i0.wp.com\/itayachtscanada.com\/wp-content\/uploads\/2025\/07\/Capture-decran-le-2025-07-22-a-14.01.17-1.jpg?resize=1024%2C680&amp;ssl=1 1024w, https:\/\/i0.wp.com\/itayachtscanada.com\/wp-content\/uploads\/2025\/07\/Capture-decran-le-2025-07-22-a-14.01.17-1.jpg?resize=768%2C510&amp;ssl=1 768w, https:\/\/i0.wp.com\/itayachtscanada.com\/wp-content\/uploads\/2025\/07\/Capture-decran-le-2025-07-22-a-14.01.17-1.jpg?resize=700%2C465&amp;ssl=1 700w, https:\/\/i0.wp.com\/itayachtscanada.com\/wp-content\/uploads\/2025\/07\/Capture-decran-le-2025-07-22-a-14.01.17-1.jpg?resize=900%2C600&amp;ssl=1 900w, https:\/\/i0.wp.com\/itayachtscanada.com\/wp-content\/uploads\/2025\/07\/Capture-decran-le-2025-07-22-a-14.01.17-1.jpg?resize=602%2C400&amp;ssl=1 602w\" sizes=\"auto, (max-width: 300px) 100vw, 300px\" data-attachment-id=\"281538\" data-permalink=\"https:\/\/itayachtscanada.com\/fr\/listing\/princess-y72-m-y-2024-4695000-usd-for-sale\/capture-decran-le-2025-07-22-a-14-01-17-2\/\" data-orig-file=\"https:\/\/i0.wp.com\/itayachtscanada.com\/wp-content\/uploads\/2025\/07\/Capture-decran-le-2025-07-22-a-14.01.17-1.jpg?fit=1406%2C934&amp;ssl=1\" data-orig-size=\"1406,934\" data-comments-opened=\"1\" data-image-meta=\"{&quot;aperture&quot;:&quot;0&quot;,&quot;credit&quot;:&quot;&quot;,&quot;camera&quot;:&quot;&quot;,&quot;caption&quot;:&quot;&quot;,&quot;created_timestamp&quot;:&quot;0&quot;,&quot;copyright&quot;:&quot;&quot;,&quot;focal_length&quot;:&quot;0&quot;,&quot;iso&quot;:&quot;0&quot;,&quot;shutter_speed&quot;:&quot;0&quot;,&quot;title&quot;:&quot;&quot;,&quot;orientation&quot;:&quot;0&quot;}\" data-image-title=\"Capture d\u2019e\u0301cran, le 2025-07-22 a\u0300 14.01.17\" data-image-description=\"\" data-image-caption=\"\" data-large-file=\"https:\/\/i0.wp.com\/itayachtscanada.com\/wp-content\/uploads\/2025\/07\/Capture-decran-le-2025-07-22-a-14.01.17-1.jpg?fit=700%2C465&amp;ssl=1\" \/><\/a>\n\t\t\t<\/div><\/figure><figure class='gallery-item'>\n\t\t\t<div class='gallery-icon landscape'>\n\t\t\t\t<a href='https:\/\/itayachtscanada.com\/fr\/listing\/princess-y72-m-y-2024-4695000-usd-for-sale\/capture-decran-le-2025-07-22-a-14-01-14-2\/'><img loading=\"lazy\" decoding=\"async\" width=\"300\" height=\"199\" src=\"https:\/\/i0.wp.com\/itayachtscanada.com\/wp-content\/uploads\/2025\/07\/Capture-decran-le-2025-07-22-a-14.01.14-1.jpg?fit=300%2C199&amp;ssl=1\" class=\"attachment-medium size-medium\" alt=\"\" srcset=\"https:\/\/i0.wp.com\/itayachtscanada.com\/wp-content\/uploads\/2025\/07\/Capture-decran-le-2025-07-22-a-14.01.14-1.jpg?w=1406&amp;ssl=1 1406w, https:\/\/i0.wp.com\/itayachtscanada.com\/wp-content\/uploads\/2025\/07\/Capture-decran-le-2025-07-22-a-14.01.14-1.jpg?resize=300%2C199&amp;ssl=1 300w, https:\/\/i0.wp.com\/itayachtscanada.com\/wp-content\/uploads\/2025\/07\/Capture-decran-le-2025-07-22-a-14.01.14-1.jpg?resize=1024%2C680&amp;ssl=1 1024w, https:\/\/i0.wp.com\/itayachtscanada.com\/wp-content\/uploads\/2025\/07\/Capture-decran-le-2025-07-22-a-14.01.14-1.jpg?resize=768%2C510&amp;ssl=1 768w, https:\/\/i0.wp.com\/itayachtscanada.com\/wp-content\/uploads\/2025\/07\/Capture-decran-le-2025-07-22-a-14.01.14-1.jpg?resize=700%2C465&amp;ssl=1 700w, https:\/\/i0.wp.com\/itayachtscanada.com\/wp-content\/uploads\/2025\/07\/Capture-decran-le-2025-07-22-a-14.01.14-1.jpg?resize=900%2C600&amp;ssl=1 900w, https:\/\/i0.wp.com\/itayachtscanada.com\/wp-content\/uploads\/2025\/07\/Capture-decran-le-2025-07-22-a-14.01.14-1.jpg?resize=602%2C400&amp;ssl=1 602w\" sizes=\"auto, (max-width: 300px) 100vw, 300px\" data-attachment-id=\"281539\" data-permalink=\"https:\/\/itayachtscanada.com\/fr\/listing\/princess-y72-m-y-2024-4695000-usd-for-sale\/capture-decran-le-2025-07-22-a-14-01-14-2\/\" data-orig-file=\"https:\/\/i0.wp.com\/itayachtscanada.com\/wp-content\/uploads\/2025\/07\/Capture-decran-le-2025-07-22-a-14.01.14-1.jpg?fit=1406%2C934&amp;ssl=1\" data-orig-size=\"1406,934\" data-comments-opened=\"1\" data-image-meta=\"{&quot;aperture&quot;:&quot;0&quot;,&quot;credit&quot;:&quot;&quot;,&quot;camera&quot;:&quot;&quot;,&quot;caption&quot;:&quot;&quot;,&quot;created_timestamp&quot;:&quot;0&quot;,&quot;copyright&quot;:&quot;&quot;,&quot;focal_length&quot;:&quot;0&quot;,&quot;iso&quot;:&quot;0&quot;,&quot;shutter_speed&quot;:&quot;0&quot;,&quot;title&quot;:&quot;&quot;,&quot;orientation&quot;:&quot;0&quot;}\" data-image-title=\"Capture d\u2019e\u0301cran, le 2025-07-22 a\u0300 14.01.14\" data-image-description=\"\" data-image-caption=\"\" data-large-file=\"https:\/\/i0.wp.com\/itayachtscanada.com\/wp-content\/uploads\/2025\/07\/Capture-decran-le-2025-07-22-a-14.01.14-1.jpg?fit=700%2C465&amp;ssl=1\" \/><\/a>\n\t\t\t<\/div><\/figure><figure class='gallery-item'>\n\t\t\t<div class='gallery-icon landscape'>\n\t\t\t\t<a href='https:\/\/itayachtscanada.com\/fr\/listing\/princess-y72-m-y-2024-4695000-usd-for-sale\/capture-decran-le-2025-07-22-a-14-01-06-2\/'><img loading=\"lazy\" decoding=\"async\" width=\"300\" height=\"199\" src=\"https:\/\/i0.wp.com\/itayachtscanada.com\/wp-content\/uploads\/2025\/07\/Capture-decran-le-2025-07-22-a-14.01.06-1.jpg?fit=300%2C199&amp;ssl=1\" class=\"attachment-medium size-medium\" alt=\"\" srcset=\"https:\/\/i0.wp.com\/itayachtscanada.com\/wp-content\/uploads\/2025\/07\/Capture-decran-le-2025-07-22-a-14.01.06-1.jpg?w=1406&amp;ssl=1 1406w, https:\/\/i0.wp.com\/itayachtscanada.com\/wp-content\/uploads\/2025\/07\/Capture-decran-le-2025-07-22-a-14.01.06-1.jpg?resize=300%2C199&amp;ssl=1 300w, https:\/\/i0.wp.com\/itayachtscanada.com\/wp-content\/uploads\/2025\/07\/Capture-decran-le-2025-07-22-a-14.01.06-1.jpg?resize=1024%2C680&amp;ssl=1 1024w, https:\/\/i0.wp.com\/itayachtscanada.com\/wp-content\/uploads\/2025\/07\/Capture-decran-le-2025-07-22-a-14.01.06-1.jpg?resize=768%2C510&amp;ssl=1 768w, https:\/\/i0.wp.com\/itayachtscanada.com\/wp-content\/uploads\/2025\/07\/Capture-decran-le-2025-07-22-a-14.01.06-1.jpg?resize=700%2C465&amp;ssl=1 700w, https:\/\/i0.wp.com\/itayachtscanada.com\/wp-content\/uploads\/2025\/07\/Capture-decran-le-2025-07-22-a-14.01.06-1.jpg?resize=900%2C600&amp;ssl=1 900w, https:\/\/i0.wp.com\/itayachtscanada.com\/wp-content\/uploads\/2025\/07\/Capture-decran-le-2025-07-22-a-14.01.06-1.jpg?resize=602%2C400&amp;ssl=1 602w\" sizes=\"auto, (max-width: 300px) 100vw, 300px\" data-attachment-id=\"281541\" data-permalink=\"https:\/\/itayachtscanada.com\/fr\/listing\/princess-y72-m-y-2024-4695000-usd-for-sale\/capture-decran-le-2025-07-22-a-14-01-06-2\/\" data-orig-file=\"https:\/\/i0.wp.com\/itayachtscanada.com\/wp-content\/uploads\/2025\/07\/Capture-decran-le-2025-07-22-a-14.01.06-1.jpg?fit=1406%2C934&amp;ssl=1\" data-orig-size=\"1406,934\" data-comments-opened=\"1\" data-image-meta=\"{&quot;aperture&quot;:&quot;0&quot;,&quot;credit&quot;:&quot;&quot;,&quot;camera&quot;:&quot;&quot;,&quot;caption&quot;:&quot;&quot;,&quot;created_timestamp&quot;:&quot;0&quot;,&quot;copyright&quot;:&quot;&quot;,&quot;focal_length&quot;:&quot;0&quot;,&quot;iso&quot;:&quot;0&quot;,&quot;shutter_speed&quot;:&quot;0&quot;,&quot;title&quot;:&quot;&quot;,&quot;orientation&quot;:&quot;0&quot;}\" data-image-title=\"Capture d\u2019e\u0301cran, le 2025-07-22 a\u0300 14.01.06\" data-image-description=\"\" data-image-caption=\"\" data-large-file=\"https:\/\/i0.wp.com\/itayachtscanada.com\/wp-content\/uploads\/2025\/07\/Capture-decran-le-2025-07-22-a-14.01.06-1.jpg?fit=700%2C465&amp;ssl=1\" \/><\/a>\n\t\t\t<\/div><\/figure><figure class='gallery-item'>\n\t\t\t<div class='gallery-icon landscape'>\n\t\t\t\t<a href='https:\/\/itayachtscanada.com\/fr\/listing\/princess-y72-m-y-2024-4695000-usd-for-sale\/capture-decran-le-2025-07-22-a-14-01-10-2\/'><img loading=\"lazy\" decoding=\"async\" width=\"300\" height=\"199\" src=\"https:\/\/i0.wp.com\/itayachtscanada.com\/wp-content\/uploads\/2025\/07\/Capture-decran-le-2025-07-22-a-14.01.10-1.jpg?fit=300%2C199&amp;ssl=1\" class=\"attachment-medium size-medium\" alt=\"\" srcset=\"https:\/\/i0.wp.com\/itayachtscanada.com\/wp-content\/uploads\/2025\/07\/Capture-decran-le-2025-07-22-a-14.01.10-1.jpg?w=1406&amp;ssl=1 1406w, https:\/\/i0.wp.com\/itayachtscanada.com\/wp-content\/uploads\/2025\/07\/Capture-decran-le-2025-07-22-a-14.01.10-1.jpg?resize=300%2C199&amp;ssl=1 300w, https:\/\/i0.wp.com\/itayachtscanada.com\/wp-content\/uploads\/2025\/07\/Capture-decran-le-2025-07-22-a-14.01.10-1.jpg?resize=1024%2C680&amp;ssl=1 1024w, https:\/\/i0.wp.com\/itayachtscanada.com\/wp-content\/uploads\/2025\/07\/Capture-decran-le-2025-07-22-a-14.01.10-1.jpg?resize=768%2C510&amp;ssl=1 768w, https:\/\/i0.wp.com\/itayachtscanada.com\/wp-content\/uploads\/2025\/07\/Capture-decran-le-2025-07-22-a-14.01.10-1.jpg?resize=700%2C465&amp;ssl=1 700w, https:\/\/i0.wp.com\/itayachtscanada.com\/wp-content\/uploads\/2025\/07\/Capture-decran-le-2025-07-22-a-14.01.10-1.jpg?resize=900%2C600&amp;ssl=1 900w, https:\/\/i0.wp.com\/itayachtscanada.com\/wp-content\/uploads\/2025\/07\/Capture-decran-le-2025-07-22-a-14.01.10-1.jpg?resize=602%2C400&amp;ssl=1 602w\" sizes=\"auto, (max-width: 300px) 100vw, 300px\" data-attachment-id=\"281540\" data-permalink=\"https:\/\/itayachtscanada.com\/fr\/listing\/princess-y72-m-y-2024-4695000-usd-for-sale\/capture-decran-le-2025-07-22-a-14-01-10-2\/\" data-orig-file=\"https:\/\/i0.wp.com\/itayachtscanada.com\/wp-content\/uploads\/2025\/07\/Capture-decran-le-2025-07-22-a-14.01.10-1.jpg?fit=1406%2C934&amp;ssl=1\" data-orig-size=\"1406,934\" data-comments-opened=\"1\" data-image-meta=\"{&quot;aperture&quot;:&quot;0&quot;,&quot;credit&quot;:&quot;&quot;,&quot;camera&quot;:&quot;&quot;,&quot;caption&quot;:&quot;&quot;,&quot;created_timestamp&quot;:&quot;0&quot;,&quot;copyright&quot;:&quot;&quot;,&quot;focal_length&quot;:&quot;0&quot;,&quot;iso&quot;:&quot;0&quot;,&quot;shutter_speed&quot;:&quot;0&quot;,&quot;title&quot;:&quot;&quot;,&quot;orientation&quot;:&quot;0&quot;}\" data-image-title=\"Capture d\u2019e\u0301cran, le 2025-07-22 a\u0300 14.01.10\" data-image-description=\"\" data-image-caption=\"\" data-large-file=\"https:\/\/i0.wp.com\/itayachtscanada.com\/wp-content\/uploads\/2025\/07\/Capture-decran-le-2025-07-22-a-14.01.10-1.jpg?fit=700%2C465&amp;ssl=1\" \/><\/a>\n\t\t\t<\/div><\/figure><figure class='gallery-item'>\n\t\t\t<div class='gallery-icon landscape'>\n\t\t\t\t<a href='https:\/\/itayachtscanada.com\/fr\/listing\/princess-y72-m-y-2024-4695000-usd-for-sale\/capture-decran-le-2025-07-22-a-14-00-59-2\/'><img loading=\"lazy\" decoding=\"async\" width=\"300\" height=\"199\" src=\"https:\/\/i0.wp.com\/itayachtscanada.com\/wp-content\/uploads\/2025\/07\/Capture-decran-le-2025-07-22-a-14.00.59-1.jpg?fit=300%2C199&amp;ssl=1\" class=\"attachment-medium size-medium\" alt=\"\" srcset=\"https:\/\/i0.wp.com\/itayachtscanada.com\/wp-content\/uploads\/2025\/07\/Capture-decran-le-2025-07-22-a-14.00.59-1.jpg?w=1406&amp;ssl=1 1406w, https:\/\/i0.wp.com\/itayachtscanada.com\/wp-content\/uploads\/2025\/07\/Capture-decran-le-2025-07-22-a-14.00.59-1.jpg?resize=300%2C199&amp;ssl=1 300w, https:\/\/i0.wp.com\/itayachtscanada.com\/wp-content\/uploads\/2025\/07\/Capture-decran-le-2025-07-22-a-14.00.59-1.jpg?resize=1024%2C680&amp;ssl=1 1024w, https:\/\/i0.wp.com\/itayachtscanada.com\/wp-content\/uploads\/2025\/07\/Capture-decran-le-2025-07-22-a-14.00.59-1.jpg?resize=768%2C510&amp;ssl=1 768w, https:\/\/i0.wp.com\/itayachtscanada.com\/wp-content\/uploads\/2025\/07\/Capture-decran-le-2025-07-22-a-14.00.59-1.jpg?resize=700%2C465&amp;ssl=1 700w, https:\/\/i0.wp.com\/itayachtscanada.com\/wp-content\/uploads\/2025\/07\/Capture-decran-le-2025-07-22-a-14.00.59-1.jpg?resize=900%2C600&amp;ssl=1 900w, https:\/\/i0.wp.com\/itayachtscanada.com\/wp-content\/uploads\/2025\/07\/Capture-decran-le-2025-07-22-a-14.00.59-1.jpg?resize=602%2C400&amp;ssl=1 602w\" sizes=\"auto, (max-width: 300px) 100vw, 300px\" data-attachment-id=\"281542\" data-permalink=\"https:\/\/itayachtscanada.com\/fr\/listing\/princess-y72-m-y-2024-4695000-usd-for-sale\/capture-decran-le-2025-07-22-a-14-00-59-2\/\" data-orig-file=\"https:\/\/i0.wp.com\/itayachtscanada.com\/wp-content\/uploads\/2025\/07\/Capture-decran-le-2025-07-22-a-14.00.59-1.jpg?fit=1406%2C934&amp;ssl=1\" data-orig-size=\"1406,934\" data-comments-opened=\"1\" data-image-meta=\"{&quot;aperture&quot;:&quot;0&quot;,&quot;credit&quot;:&quot;&quot;,&quot;camera&quot;:&quot;&quot;,&quot;caption&quot;:&quot;&quot;,&quot;created_timestamp&quot;:&quot;0&quot;,&quot;copyright&quot;:&quot;&quot;,&quot;focal_length&quot;:&quot;0&quot;,&quot;iso&quot;:&quot;0&quot;,&quot;shutter_speed&quot;:&quot;0&quot;,&quot;title&quot;:&quot;&quot;,&quot;orientation&quot;:&quot;0&quot;}\" data-image-title=\"Capture d\u2019e\u0301cran, le 2025-07-22 a\u0300 14.00.59\" data-image-description=\"\" data-image-caption=\"\" data-large-file=\"https:\/\/i0.wp.com\/itayachtscanada.com\/wp-content\/uploads\/2025\/07\/Capture-decran-le-2025-07-22-a-14.00.59-1.jpg?fit=700%2C465&amp;ssl=1\" \/><\/a>\n\t\t\t<\/div><\/figure><figure class='gallery-item'>\n\t\t\t<div class='gallery-icon landscape'>\n\t\t\t\t<a href='https:\/\/itayachtscanada.com\/fr\/listing\/princess-y72-m-y-2024-4695000-usd-for-sale\/capture-decran-le-2025-07-22-a-14-00-32-2\/'><img loading=\"lazy\" decoding=\"async\" width=\"300\" height=\"199\" src=\"https:\/\/i0.wp.com\/itayachtscanada.com\/wp-content\/uploads\/2025\/07\/Capture-decran-le-2025-07-22-a-14.00.32-1.jpg?fit=300%2C199&amp;ssl=1\" class=\"attachment-medium size-medium\" alt=\"\" srcset=\"https:\/\/i0.wp.com\/itayachtscanada.com\/wp-content\/uploads\/2025\/07\/Capture-decran-le-2025-07-22-a-14.00.32-1.jpg?w=1406&amp;ssl=1 1406w, https:\/\/i0.wp.com\/itayachtscanada.com\/wp-content\/uploads\/2025\/07\/Capture-decran-le-2025-07-22-a-14.00.32-1.jpg?resize=300%2C199&amp;ssl=1 300w, https:\/\/i0.wp.com\/itayachtscanada.com\/wp-content\/uploads\/2025\/07\/Capture-decran-le-2025-07-22-a-14.00.32-1.jpg?resize=1024%2C680&amp;ssl=1 1024w, https:\/\/i0.wp.com\/itayachtscanada.com\/wp-content\/uploads\/2025\/07\/Capture-decran-le-2025-07-22-a-14.00.32-1.jpg?resize=768%2C510&amp;ssl=1 768w, https:\/\/i0.wp.com\/itayachtscanada.com\/wp-content\/uploads\/2025\/07\/Capture-decran-le-2025-07-22-a-14.00.32-1.jpg?resize=700%2C465&amp;ssl=1 700w, https:\/\/i0.wp.com\/itayachtscanada.com\/wp-content\/uploads\/2025\/07\/Capture-decran-le-2025-07-22-a-14.00.32-1.jpg?resize=900%2C600&amp;ssl=1 900w, https:\/\/i0.wp.com\/itayachtscanada.com\/wp-content\/uploads\/2025\/07\/Capture-decran-le-2025-07-22-a-14.00.32-1.jpg?resize=602%2C400&amp;ssl=1 602w\" sizes=\"auto, (max-width: 300px) 100vw, 300px\" data-attachment-id=\"281550\" data-permalink=\"https:\/\/itayachtscanada.com\/fr\/listing\/princess-y72-m-y-2024-4695000-usd-for-sale\/capture-decran-le-2025-07-22-a-14-00-32-2\/\" data-orig-file=\"https:\/\/i0.wp.com\/itayachtscanada.com\/wp-content\/uploads\/2025\/07\/Capture-decran-le-2025-07-22-a-14.00.32-1.jpg?fit=1406%2C934&amp;ssl=1\" data-orig-size=\"1406,934\" data-comments-opened=\"1\" data-image-meta=\"{&quot;aperture&quot;:&quot;0&quot;,&quot;credit&quot;:&quot;&quot;,&quot;camera&quot;:&quot;&quot;,&quot;caption&quot;:&quot;&quot;,&quot;created_timestamp&quot;:&quot;0&quot;,&quot;copyright&quot;:&quot;&quot;,&quot;focal_length&quot;:&quot;0&quot;,&quot;iso&quot;:&quot;0&quot;,&quot;shutter_speed&quot;:&quot;0&quot;,&quot;title&quot;:&quot;&quot;,&quot;orientation&quot;:&quot;0&quot;}\" data-image-title=\"Capture d\u2019e\u0301cran, le 2025-07-22 a\u0300 14.00.32\" data-image-description=\"\" data-image-caption=\"\" data-large-file=\"https:\/\/i0.wp.com\/itayachtscanada.com\/wp-content\/uploads\/2025\/07\/Capture-decran-le-2025-07-22-a-14.00.32-1.jpg?fit=700%2C465&amp;ssl=1\" \/><\/a>\n\t\t\t<\/div><\/figure><figure class='gallery-item'>\n\t\t\t<div class='gallery-icon landscape'>\n\t\t\t\t<a href='https:\/\/itayachtscanada.com\/fr\/listing\/princess-y72-m-y-2024-4695000-usd-for-sale\/capture-decran-le-2025-07-22-a-14-00-48-2\/'><img loading=\"lazy\" decoding=\"async\" width=\"300\" height=\"199\" src=\"https:\/\/i0.wp.com\/itayachtscanada.com\/wp-content\/uploads\/2025\/07\/Capture-decran-le-2025-07-22-a-14.00.48-1.jpg?fit=300%2C199&amp;ssl=1\" class=\"attachment-medium size-medium\" alt=\"\" srcset=\"https:\/\/i0.wp.com\/itayachtscanada.com\/wp-content\/uploads\/2025\/07\/Capture-decran-le-2025-07-22-a-14.00.48-1.jpg?w=1406&amp;ssl=1 1406w, https:\/\/i0.wp.com\/itayachtscanada.com\/wp-content\/uploads\/2025\/07\/Capture-decran-le-2025-07-22-a-14.00.48-1.jpg?resize=300%2C199&amp;ssl=1 300w, https:\/\/i0.wp.com\/itayachtscanada.com\/wp-content\/uploads\/2025\/07\/Capture-decran-le-2025-07-22-a-14.00.48-1.jpg?resize=1024%2C680&amp;ssl=1 1024w, https:\/\/i0.wp.com\/itayachtscanada.com\/wp-content\/uploads\/2025\/07\/Capture-decran-le-2025-07-22-a-14.00.48-1.jpg?resize=768%2C510&amp;ssl=1 768w, https:\/\/i0.wp.com\/itayachtscanada.com\/wp-content\/uploads\/2025\/07\/Capture-decran-le-2025-07-22-a-14.00.48-1.jpg?resize=700%2C465&amp;ssl=1 700w, https:\/\/i0.wp.com\/itayachtscanada.com\/wp-content\/uploads\/2025\/07\/Capture-decran-le-2025-07-22-a-14.00.48-1.jpg?resize=900%2C600&amp;ssl=1 900w, https:\/\/i0.wp.com\/itayachtscanada.com\/wp-content\/uploads\/2025\/07\/Capture-decran-le-2025-07-22-a-14.00.48-1.jpg?resize=602%2C400&amp;ssl=1 602w\" sizes=\"auto, (max-width: 300px) 100vw, 300px\" data-attachment-id=\"281545\" data-permalink=\"https:\/\/itayachtscanada.com\/fr\/listing\/princess-y72-m-y-2024-4695000-usd-for-sale\/capture-decran-le-2025-07-22-a-14-00-48-2\/\" data-orig-file=\"https:\/\/i0.wp.com\/itayachtscanada.com\/wp-content\/uploads\/2025\/07\/Capture-decran-le-2025-07-22-a-14.00.48-1.jpg?fit=1406%2C934&amp;ssl=1\" data-orig-size=\"1406,934\" data-comments-opened=\"1\" data-image-meta=\"{&quot;aperture&quot;:&quot;0&quot;,&quot;credit&quot;:&quot;&quot;,&quot;camera&quot;:&quot;&quot;,&quot;caption&quot;:&quot;&quot;,&quot;created_timestamp&quot;:&quot;0&quot;,&quot;copyright&quot;:&quot;&quot;,&quot;focal_length&quot;:&quot;0&quot;,&quot;iso&quot;:&quot;0&quot;,&quot;shutter_speed&quot;:&quot;0&quot;,&quot;title&quot;:&quot;&quot;,&quot;orientation&quot;:&quot;0&quot;}\" data-image-title=\"Capture d\u2019e\u0301cran, le 2025-07-22 a\u0300 14.00.48\" data-image-description=\"\" data-image-caption=\"\" data-large-file=\"https:\/\/i0.wp.com\/itayachtscanada.com\/wp-content\/uploads\/2025\/07\/Capture-decran-le-2025-07-22-a-14.00.48-1.jpg?fit=700%2C465&amp;ssl=1\" \/><\/a>\n\t\t\t<\/div><\/figure><figure class='gallery-item'>\n\t\t\t<div class='gallery-icon landscape'>\n\t\t\t\t<a href='https:\/\/itayachtscanada.com\/fr\/listing\/princess-y72-m-y-2024-4695000-usd-for-sale\/capture-decran-le-2025-07-22-a-14-00-45-2\/'><img loading=\"lazy\" decoding=\"async\" width=\"300\" height=\"199\" src=\"https:\/\/i0.wp.com\/itayachtscanada.com\/wp-content\/uploads\/2025\/07\/Capture-decran-le-2025-07-22-a-14.00.45-1.jpg?fit=300%2C199&amp;ssl=1\" class=\"attachment-medium size-medium\" alt=\"\" srcset=\"https:\/\/i0.wp.com\/itayachtscanada.com\/wp-content\/uploads\/2025\/07\/Capture-decran-le-2025-07-22-a-14.00.45-1.jpg?w=1406&amp;ssl=1 1406w, https:\/\/i0.wp.com\/itayachtscanada.com\/wp-content\/uploads\/2025\/07\/Capture-decran-le-2025-07-22-a-14.00.45-1.jpg?resize=300%2C199&amp;ssl=1 300w, https:\/\/i0.wp.com\/itayachtscanada.com\/wp-content\/uploads\/2025\/07\/Capture-decran-le-2025-07-22-a-14.00.45-1.jpg?resize=1024%2C680&amp;ssl=1 1024w, https:\/\/i0.wp.com\/itayachtscanada.com\/wp-content\/uploads\/2025\/07\/Capture-decran-le-2025-07-22-a-14.00.45-1.jpg?resize=768%2C510&amp;ssl=1 768w, https:\/\/i0.wp.com\/itayachtscanada.com\/wp-content\/uploads\/2025\/07\/Capture-decran-le-2025-07-22-a-14.00.45-1.jpg?resize=700%2C465&amp;ssl=1 700w, https:\/\/i0.wp.com\/itayachtscanada.com\/wp-content\/uploads\/2025\/07\/Capture-decran-le-2025-07-22-a-14.00.45-1.jpg?resize=900%2C600&amp;ssl=1 900w, https:\/\/i0.wp.com\/itayachtscanada.com\/wp-content\/uploads\/2025\/07\/Capture-decran-le-2025-07-22-a-14.00.45-1.jpg?resize=602%2C400&amp;ssl=1 602w\" sizes=\"auto, (max-width: 300px) 100vw, 300px\" data-attachment-id=\"281546\" data-permalink=\"https:\/\/itayachtscanada.com\/fr\/listing\/princess-y72-m-y-2024-4695000-usd-for-sale\/capture-decran-le-2025-07-22-a-14-00-45-2\/\" data-orig-file=\"https:\/\/i0.wp.com\/itayachtscanada.com\/wp-content\/uploads\/2025\/07\/Capture-decran-le-2025-07-22-a-14.00.45-1.jpg?fit=1406%2C934&amp;ssl=1\" data-orig-size=\"1406,934\" data-comments-opened=\"1\" data-image-meta=\"{&quot;aperture&quot;:&quot;0&quot;,&quot;credit&quot;:&quot;&quot;,&quot;camera&quot;:&quot;&quot;,&quot;caption&quot;:&quot;&quot;,&quot;created_timestamp&quot;:&quot;0&quot;,&quot;copyright&quot;:&quot;&quot;,&quot;focal_length&quot;:&quot;0&quot;,&quot;iso&quot;:&quot;0&quot;,&quot;shutter_speed&quot;:&quot;0&quot;,&quot;title&quot;:&quot;&quot;,&quot;orientation&quot;:&quot;0&quot;}\" data-image-title=\"Capture d\u2019e\u0301cran, le 2025-07-22 a\u0300 14.00.45\" data-image-description=\"\" data-image-caption=\"\" data-large-file=\"https:\/\/i0.wp.com\/itayachtscanada.com\/wp-content\/uploads\/2025\/07\/Capture-decran-le-2025-07-22-a-14.00.45-1.jpg?fit=700%2C465&amp;ssl=1\" \/><\/a>\n\t\t\t<\/div><\/figure><figure class='gallery-item'>\n\t\t\t<div class='gallery-icon landscape'>\n\t\t\t\t<a href='https:\/\/itayachtscanada.com\/fr\/listing\/princess-y72-m-y-2024-4695000-usd-for-sale\/capture-decran-le-2025-07-22-a-14-00-42-2\/'><img loading=\"lazy\" decoding=\"async\" width=\"300\" height=\"199\" src=\"https:\/\/i0.wp.com\/itayachtscanada.com\/wp-content\/uploads\/2025\/07\/Capture-decran-le-2025-07-22-a-14.00.42-1.jpg?fit=300%2C199&amp;ssl=1\" class=\"attachment-medium size-medium\" alt=\"\" srcset=\"https:\/\/i0.wp.com\/itayachtscanada.com\/wp-content\/uploads\/2025\/07\/Capture-decran-le-2025-07-22-a-14.00.42-1.jpg?w=1406&amp;ssl=1 1406w, https:\/\/i0.wp.com\/itayachtscanada.com\/wp-content\/uploads\/2025\/07\/Capture-decran-le-2025-07-22-a-14.00.42-1.jpg?resize=300%2C199&amp;ssl=1 300w, https:\/\/i0.wp.com\/itayachtscanada.com\/wp-content\/uploads\/2025\/07\/Capture-decran-le-2025-07-22-a-14.00.42-1.jpg?resize=1024%2C680&amp;ssl=1 1024w, https:\/\/i0.wp.com\/itayachtscanada.com\/wp-content\/uploads\/2025\/07\/Capture-decran-le-2025-07-22-a-14.00.42-1.jpg?resize=768%2C510&amp;ssl=1 768w, https:\/\/i0.wp.com\/itayachtscanada.com\/wp-content\/uploads\/2025\/07\/Capture-decran-le-2025-07-22-a-14.00.42-1.jpg?resize=700%2C465&amp;ssl=1 700w, https:\/\/i0.wp.com\/itayachtscanada.com\/wp-content\/uploads\/2025\/07\/Capture-decran-le-2025-07-22-a-14.00.42-1.jpg?resize=900%2C600&amp;ssl=1 900w, https:\/\/i0.wp.com\/itayachtscanada.com\/wp-content\/uploads\/2025\/07\/Capture-decran-le-2025-07-22-a-14.00.42-1.jpg?resize=602%2C400&amp;ssl=1 602w\" sizes=\"auto, (max-width: 300px) 100vw, 300px\" data-attachment-id=\"281547\" data-permalink=\"https:\/\/itayachtscanada.com\/fr\/listing\/princess-y72-m-y-2024-4695000-usd-for-sale\/capture-decran-le-2025-07-22-a-14-00-42-2\/\" data-orig-file=\"https:\/\/i0.wp.com\/itayachtscanada.com\/wp-content\/uploads\/2025\/07\/Capture-decran-le-2025-07-22-a-14.00.42-1.jpg?fit=1406%2C934&amp;ssl=1\" data-orig-size=\"1406,934\" data-comments-opened=\"1\" data-image-meta=\"{&quot;aperture&quot;:&quot;0&quot;,&quot;credit&quot;:&quot;&quot;,&quot;camera&quot;:&quot;&quot;,&quot;caption&quot;:&quot;&quot;,&quot;created_timestamp&quot;:&quot;0&quot;,&quot;copyright&quot;:&quot;&quot;,&quot;focal_length&quot;:&quot;0&quot;,&quot;iso&quot;:&quot;0&quot;,&quot;shutter_speed&quot;:&quot;0&quot;,&quot;title&quot;:&quot;&quot;,&quot;orientation&quot;:&quot;0&quot;}\" data-image-title=\"Capture d\u2019e\u0301cran, le 2025-07-22 a\u0300 14.00.42\" data-image-description=\"\" data-image-caption=\"\" data-large-file=\"https:\/\/i0.wp.com\/itayachtscanada.com\/wp-content\/uploads\/2025\/07\/Capture-decran-le-2025-07-22-a-14.00.42-1.jpg?fit=700%2C465&amp;ssl=1\" \/><\/a>\n\t\t\t<\/div><\/figure><figure class='gallery-item'>\n\t\t\t<div class='gallery-icon landscape'>\n\t\t\t\t<a href='https:\/\/itayachtscanada.com\/fr\/listing\/princess-y72-m-y-2024-4695000-usd-for-sale\/capture-decran-le-2025-07-22-a-14-00-39-2\/'><img loading=\"lazy\" decoding=\"async\" width=\"300\" height=\"199\" src=\"https:\/\/i0.wp.com\/itayachtscanada.com\/wp-content\/uploads\/2025\/07\/Capture-decran-le-2025-07-22-a-14.00.39-1.jpg?fit=300%2C199&amp;ssl=1\" class=\"attachment-medium size-medium\" alt=\"\" srcset=\"https:\/\/i0.wp.com\/itayachtscanada.com\/wp-content\/uploads\/2025\/07\/Capture-decran-le-2025-07-22-a-14.00.39-1.jpg?w=1406&amp;ssl=1 1406w, https:\/\/i0.wp.com\/itayachtscanada.com\/wp-content\/uploads\/2025\/07\/Capture-decran-le-2025-07-22-a-14.00.39-1.jpg?resize=300%2C199&amp;ssl=1 300w, https:\/\/i0.wp.com\/itayachtscanada.com\/wp-content\/uploads\/2025\/07\/Capture-decran-le-2025-07-22-a-14.00.39-1.jpg?resize=1024%2C680&amp;ssl=1 1024w, https:\/\/i0.wp.com\/itayachtscanada.com\/wp-content\/uploads\/2025\/07\/Capture-decran-le-2025-07-22-a-14.00.39-1.jpg?resize=768%2C510&amp;ssl=1 768w, https:\/\/i0.wp.com\/itayachtscanada.com\/wp-content\/uploads\/2025\/07\/Capture-decran-le-2025-07-22-a-14.00.39-1.jpg?resize=700%2C465&amp;ssl=1 700w, https:\/\/i0.wp.com\/itayachtscanada.com\/wp-content\/uploads\/2025\/07\/Capture-decran-le-2025-07-22-a-14.00.39-1.jpg?resize=900%2C600&amp;ssl=1 900w, https:\/\/i0.wp.com\/itayachtscanada.com\/wp-content\/uploads\/2025\/07\/Capture-decran-le-2025-07-22-a-14.00.39-1.jpg?resize=602%2C400&amp;ssl=1 602w\" sizes=\"auto, (max-width: 300px) 100vw, 300px\" data-attachment-id=\"281548\" data-permalink=\"https:\/\/itayachtscanada.com\/fr\/listing\/princess-y72-m-y-2024-4695000-usd-for-sale\/capture-decran-le-2025-07-22-a-14-00-39-2\/\" data-orig-file=\"https:\/\/i0.wp.com\/itayachtscanada.com\/wp-content\/uploads\/2025\/07\/Capture-decran-le-2025-07-22-a-14.00.39-1.jpg?fit=1406%2C934&amp;ssl=1\" data-orig-size=\"1406,934\" data-comments-opened=\"1\" data-image-meta=\"{&quot;aperture&quot;:&quot;0&quot;,&quot;credit&quot;:&quot;&quot;,&quot;camera&quot;:&quot;&quot;,&quot;caption&quot;:&quot;&quot;,&quot;created_timestamp&quot;:&quot;0&quot;,&quot;copyright&quot;:&quot;&quot;,&quot;focal_length&quot;:&quot;0&quot;,&quot;iso&quot;:&quot;0&quot;,&quot;shutter_speed&quot;:&quot;0&quot;,&quot;title&quot;:&quot;&quot;,&quot;orientation&quot;:&quot;0&quot;}\" data-image-title=\"Capture d\u2019e\u0301cran, le 2025-07-22 a\u0300 14.00.39\" data-image-description=\"\" data-image-caption=\"\" data-large-file=\"https:\/\/i0.wp.com\/itayachtscanada.com\/wp-content\/uploads\/2025\/07\/Capture-decran-le-2025-07-22-a-14.00.39-1.jpg?fit=700%2C465&amp;ssl=1\" \/><\/a>\n\t\t\t<\/div><\/figure><figure class='gallery-item'>\n\t\t\t<div class='gallery-icon landscape'>\n\t\t\t\t<a href='https:\/\/itayachtscanada.com\/fr\/listing\/princess-y72-m-y-2024-4695000-usd-for-sale\/capture-decran-le-2025-07-22-a-14-00-35-2\/'><img loading=\"lazy\" decoding=\"async\" width=\"300\" height=\"199\" src=\"https:\/\/i0.wp.com\/itayachtscanada.com\/wp-content\/uploads\/2025\/07\/Capture-decran-le-2025-07-22-a-14.00.35-1.jpg?fit=300%2C199&amp;ssl=1\" class=\"attachment-medium size-medium\" alt=\"\" srcset=\"https:\/\/i0.wp.com\/itayachtscanada.com\/wp-content\/uploads\/2025\/07\/Capture-decran-le-2025-07-22-a-14.00.35-1.jpg?w=1406&amp;ssl=1 1406w, https:\/\/i0.wp.com\/itayachtscanada.com\/wp-content\/uploads\/2025\/07\/Capture-decran-le-2025-07-22-a-14.00.35-1.jpg?resize=300%2C199&amp;ssl=1 300w, https:\/\/i0.wp.com\/itayachtscanada.com\/wp-content\/uploads\/2025\/07\/Capture-decran-le-2025-07-22-a-14.00.35-1.jpg?resize=1024%2C680&amp;ssl=1 1024w, https:\/\/i0.wp.com\/itayachtscanada.com\/wp-content\/uploads\/2025\/07\/Capture-decran-le-2025-07-22-a-14.00.35-1.jpg?resize=768%2C510&amp;ssl=1 768w, https:\/\/i0.wp.com\/itayachtscanada.com\/wp-content\/uploads\/2025\/07\/Capture-decran-le-2025-07-22-a-14.00.35-1.jpg?resize=700%2C465&amp;ssl=1 700w, https:\/\/i0.wp.com\/itayachtscanada.com\/wp-content\/uploads\/2025\/07\/Capture-decran-le-2025-07-22-a-14.00.35-1.jpg?resize=900%2C600&amp;ssl=1 900w, https:\/\/i0.wp.com\/itayachtscanada.com\/wp-content\/uploads\/2025\/07\/Capture-decran-le-2025-07-22-a-14.00.35-1.jpg?resize=602%2C400&amp;ssl=1 602w\" sizes=\"auto, (max-width: 300px) 100vw, 300px\" data-attachment-id=\"281549\" data-permalink=\"https:\/\/itayachtscanada.com\/fr\/listing\/princess-y72-m-y-2024-4695000-usd-for-sale\/capture-decran-le-2025-07-22-a-14-00-35-2\/\" data-orig-file=\"https:\/\/i0.wp.com\/itayachtscanada.com\/wp-content\/uploads\/2025\/07\/Capture-decran-le-2025-07-22-a-14.00.35-1.jpg?fit=1406%2C934&amp;ssl=1\" data-orig-size=\"1406,934\" data-comments-opened=\"1\" data-image-meta=\"{&quot;aperture&quot;:&quot;0&quot;,&quot;credit&quot;:&quot;&quot;,&quot;camera&quot;:&quot;&quot;,&quot;caption&quot;:&quot;&quot;,&quot;created_timestamp&quot;:&quot;0&quot;,&quot;copyright&quot;:&quot;&quot;,&quot;focal_length&quot;:&quot;0&quot;,&quot;iso&quot;:&quot;0&quot;,&quot;shutter_speed&quot;:&quot;0&quot;,&quot;title&quot;:&quot;&quot;,&quot;orientation&quot;:&quot;0&quot;}\" data-image-title=\"Capture d\u2019e\u0301cran, le 2025-07-22 a\u0300 14.00.35\" data-image-description=\"\" data-image-caption=\"\" data-large-file=\"https:\/\/i0.wp.com\/itayachtscanada.com\/wp-content\/uploads\/2025\/07\/Capture-decran-le-2025-07-22-a-14.00.35-1.jpg?fit=700%2C465&amp;ssl=1\" \/><\/a>\n\t\t\t<\/div><\/figure><figure class='gallery-item'>\n\t\t\t<div class='gallery-icon landscape'>\n\t\t\t\t<a href='https:\/\/itayachtscanada.com\/fr\/listing\/princess-y72-m-y-2024-4695000-usd-for-sale\/capture-decran-le-2025-07-22-a-14-01-50-2\/'><img loading=\"lazy\" decoding=\"async\" width=\"300\" height=\"199\" src=\"https:\/\/i0.wp.com\/itayachtscanada.com\/wp-content\/uploads\/2025\/07\/Capture-decran-le-2025-07-22-a-14.01.50-1.jpg?fit=300%2C199&amp;ssl=1\" class=\"attachment-medium size-medium\" alt=\"\" srcset=\"https:\/\/i0.wp.com\/itayachtscanada.com\/wp-content\/uploads\/2025\/07\/Capture-decran-le-2025-07-22-a-14.01.50-1.jpg?w=1406&amp;ssl=1 1406w, https:\/\/i0.wp.com\/itayachtscanada.com\/wp-content\/uploads\/2025\/07\/Capture-decran-le-2025-07-22-a-14.01.50-1.jpg?resize=300%2C199&amp;ssl=1 300w, https:\/\/i0.wp.com\/itayachtscanada.com\/wp-content\/uploads\/2025\/07\/Capture-decran-le-2025-07-22-a-14.01.50-1.jpg?resize=1024%2C680&amp;ssl=1 1024w, https:\/\/i0.wp.com\/itayachtscanada.com\/wp-content\/uploads\/2025\/07\/Capture-decran-le-2025-07-22-a-14.01.50-1.jpg?resize=768%2C510&amp;ssl=1 768w, https:\/\/i0.wp.com\/itayachtscanada.com\/wp-content\/uploads\/2025\/07\/Capture-decran-le-2025-07-22-a-14.01.50-1.jpg?resize=700%2C465&amp;ssl=1 700w, https:\/\/i0.wp.com\/itayachtscanada.com\/wp-content\/uploads\/2025\/07\/Capture-decran-le-2025-07-22-a-14.01.50-1.jpg?resize=900%2C600&amp;ssl=1 900w, https:\/\/i0.wp.com\/itayachtscanada.com\/wp-content\/uploads\/2025\/07\/Capture-decran-le-2025-07-22-a-14.01.50-1.jpg?resize=602%2C400&amp;ssl=1 602w\" sizes=\"auto, (max-width: 300px) 100vw, 300px\" data-attachment-id=\"281528\" data-permalink=\"https:\/\/itayachtscanada.com\/fr\/listing\/princess-y72-m-y-2024-4695000-usd-for-sale\/capture-decran-le-2025-07-22-a-14-01-50-2\/\" data-orig-file=\"https:\/\/i0.wp.com\/itayachtscanada.com\/wp-content\/uploads\/2025\/07\/Capture-decran-le-2025-07-22-a-14.01.50-1.jpg?fit=1406%2C934&amp;ssl=1\" data-orig-size=\"1406,934\" data-comments-opened=\"1\" data-image-meta=\"{&quot;aperture&quot;:&quot;0&quot;,&quot;credit&quot;:&quot;&quot;,&quot;camera&quot;:&quot;&quot;,&quot;caption&quot;:&quot;&quot;,&quot;created_timestamp&quot;:&quot;0&quot;,&quot;copyright&quot;:&quot;&quot;,&quot;focal_length&quot;:&quot;0&quot;,&quot;iso&quot;:&quot;0&quot;,&quot;shutter_speed&quot;:&quot;0&quot;,&quot;title&quot;:&quot;&quot;,&quot;orientation&quot;:&quot;0&quot;}\" data-image-title=\"Capture d\u2019e\u0301cran, le 2025-07-22 a\u0300 14.01.50\" data-image-description=\"\" data-image-caption=\"\" data-large-file=\"https:\/\/i0.wp.com\/itayachtscanada.com\/wp-content\/uploads\/2025\/07\/Capture-decran-le-2025-07-22-a-14.01.50-1.jpg?fit=700%2C465&amp;ssl=1\" \/><\/a>\n\t\t\t<\/div><\/figure><figure class='gallery-item'>\n\t\t\t<div class='gallery-icon landscape'>\n\t\t\t\t<a href='https:\/\/itayachtscanada.com\/fr\/listing\/princess-y72-m-y-2024-4695000-usd-for-sale\/capture-decran-le-2025-07-22-a-14-01-46-2\/'><img loading=\"lazy\" decoding=\"async\" width=\"300\" height=\"199\" src=\"https:\/\/i0.wp.com\/itayachtscanada.com\/wp-content\/uploads\/2025\/07\/Capture-decran-le-2025-07-22-a-14.01.46-1.jpg?fit=300%2C199&amp;ssl=1\" class=\"attachment-medium size-medium\" alt=\"\" srcset=\"https:\/\/i0.wp.com\/itayachtscanada.com\/wp-content\/uploads\/2025\/07\/Capture-decran-le-2025-07-22-a-14.01.46-1.jpg?w=1406&amp;ssl=1 1406w, https:\/\/i0.wp.com\/itayachtscanada.com\/wp-content\/uploads\/2025\/07\/Capture-decran-le-2025-07-22-a-14.01.46-1.jpg?resize=300%2C199&amp;ssl=1 300w, https:\/\/i0.wp.com\/itayachtscanada.com\/wp-content\/uploads\/2025\/07\/Capture-decran-le-2025-07-22-a-14.01.46-1.jpg?resize=1024%2C680&amp;ssl=1 1024w, https:\/\/i0.wp.com\/itayachtscanada.com\/wp-content\/uploads\/2025\/07\/Capture-decran-le-2025-07-22-a-14.01.46-1.jpg?resize=768%2C510&amp;ssl=1 768w, https:\/\/i0.wp.com\/itayachtscanada.com\/wp-content\/uploads\/2025\/07\/Capture-decran-le-2025-07-22-a-14.01.46-1.jpg?resize=700%2C465&amp;ssl=1 700w, https:\/\/i0.wp.com\/itayachtscanada.com\/wp-content\/uploads\/2025\/07\/Capture-decran-le-2025-07-22-a-14.01.46-1.jpg?resize=900%2C600&amp;ssl=1 900w, https:\/\/i0.wp.com\/itayachtscanada.com\/wp-content\/uploads\/2025\/07\/Capture-decran-le-2025-07-22-a-14.01.46-1.jpg?resize=602%2C400&amp;ssl=1 602w\" sizes=\"auto, (max-width: 300px) 100vw, 300px\" data-attachment-id=\"281529\" data-permalink=\"https:\/\/itayachtscanada.com\/fr\/listing\/princess-y72-m-y-2024-4695000-usd-for-sale\/capture-decran-le-2025-07-22-a-14-01-46-2\/\" data-orig-file=\"https:\/\/i0.wp.com\/itayachtscanada.com\/wp-content\/uploads\/2025\/07\/Capture-decran-le-2025-07-22-a-14.01.46-1.jpg?fit=1406%2C934&amp;ssl=1\" data-orig-size=\"1406,934\" data-comments-opened=\"1\" data-image-meta=\"{&quot;aperture&quot;:&quot;0&quot;,&quot;credit&quot;:&quot;&quot;,&quot;camera&quot;:&quot;&quot;,&quot;caption&quot;:&quot;&quot;,&quot;created_timestamp&quot;:&quot;0&quot;,&quot;copyright&quot;:&quot;&quot;,&quot;focal_length&quot;:&quot;0&quot;,&quot;iso&quot;:&quot;0&quot;,&quot;shutter_speed&quot;:&quot;0&quot;,&quot;title&quot;:&quot;&quot;,&quot;orientation&quot;:&quot;0&quot;}\" data-image-title=\"Capture d\u2019e\u0301cran, le 2025-07-22 a\u0300 14.01.46\" data-image-description=\"\" data-image-caption=\"\" data-large-file=\"https:\/\/i0.wp.com\/itayachtscanada.com\/wp-content\/uploads\/2025\/07\/Capture-decran-le-2025-07-22-a-14.01.46-1.jpg?fit=700%2C465&amp;ssl=1\" \/><\/a>\n\t\t\t<\/div><\/figure><figure class='gallery-item'>\n\t\t\t<div class='gallery-icon landscape'>\n\t\t\t\t<a href='https:\/\/itayachtscanada.com\/fr\/listing\/princess-y72-m-y-2024-4695000-usd-for-sale\/capture-decran-le-2025-07-22-a-14-01-43-2\/'><img loading=\"lazy\" decoding=\"async\" width=\"300\" height=\"199\" src=\"https:\/\/i0.wp.com\/itayachtscanada.com\/wp-content\/uploads\/2025\/07\/Capture-decran-le-2025-07-22-a-14.01.43-1.jpg?fit=300%2C199&amp;ssl=1\" class=\"attachment-medium size-medium\" alt=\"\" srcset=\"https:\/\/i0.wp.com\/itayachtscanada.com\/wp-content\/uploads\/2025\/07\/Capture-decran-le-2025-07-22-a-14.01.43-1.jpg?w=1406&amp;ssl=1 1406w, https:\/\/i0.wp.com\/itayachtscanada.com\/wp-content\/uploads\/2025\/07\/Capture-decran-le-2025-07-22-a-14.01.43-1.jpg?resize=300%2C199&amp;ssl=1 300w, https:\/\/i0.wp.com\/itayachtscanada.com\/wp-content\/uploads\/2025\/07\/Capture-decran-le-2025-07-22-a-14.01.43-1.jpg?resize=1024%2C680&amp;ssl=1 1024w, https:\/\/i0.wp.com\/itayachtscanada.com\/wp-content\/uploads\/2025\/07\/Capture-decran-le-2025-07-22-a-14.01.43-1.jpg?resize=768%2C510&amp;ssl=1 768w, https:\/\/i0.wp.com\/itayachtscanada.com\/wp-content\/uploads\/2025\/07\/Capture-decran-le-2025-07-22-a-14.01.43-1.jpg?resize=700%2C465&amp;ssl=1 700w, https:\/\/i0.wp.com\/itayachtscanada.com\/wp-content\/uploads\/2025\/07\/Capture-decran-le-2025-07-22-a-14.01.43-1.jpg?resize=900%2C600&amp;ssl=1 900w, https:\/\/i0.wp.com\/itayachtscanada.com\/wp-content\/uploads\/2025\/07\/Capture-decran-le-2025-07-22-a-14.01.43-1.jpg?resize=602%2C400&amp;ssl=1 602w\" sizes=\"auto, (max-width: 300px) 100vw, 300px\" data-attachment-id=\"281530\" data-permalink=\"https:\/\/itayachtscanada.com\/fr\/listing\/princess-y72-m-y-2024-4695000-usd-for-sale\/capture-decran-le-2025-07-22-a-14-01-43-2\/\" data-orig-file=\"https:\/\/i0.wp.com\/itayachtscanada.com\/wp-content\/uploads\/2025\/07\/Capture-decran-le-2025-07-22-a-14.01.43-1.jpg?fit=1406%2C934&amp;ssl=1\" data-orig-size=\"1406,934\" data-comments-opened=\"1\" data-image-meta=\"{&quot;aperture&quot;:&quot;0&quot;,&quot;credit&quot;:&quot;&quot;,&quot;camera&quot;:&quot;&quot;,&quot;caption&quot;:&quot;&quot;,&quot;created_timestamp&quot;:&quot;0&quot;,&quot;copyright&quot;:&quot;&quot;,&quot;focal_length&quot;:&quot;0&quot;,&quot;iso&quot;:&quot;0&quot;,&quot;shutter_speed&quot;:&quot;0&quot;,&quot;title&quot;:&quot;&quot;,&quot;orientation&quot;:&quot;0&quot;}\" data-image-title=\"Capture d\u2019e\u0301cran, le 2025-07-22 a\u0300 14.01.43\" data-image-description=\"\" data-image-caption=\"\" data-large-file=\"https:\/\/i0.wp.com\/itayachtscanada.com\/wp-content\/uploads\/2025\/07\/Capture-decran-le-2025-07-22-a-14.01.43-1.jpg?fit=700%2C465&amp;ssl=1\" \/><\/a>\n\t\t\t<\/div><\/figure><figure class='gallery-item'>\n\t\t\t<div class='gallery-icon landscape'>\n\t\t\t\t<a href='https:\/\/itayachtscanada.com\/fr\/listing\/princess-y72-m-y-2024-4695000-usd-for-sale\/capture-decran-le-2025-07-22-a-14-01-54-2\/'><img loading=\"lazy\" decoding=\"async\" width=\"300\" height=\"199\" src=\"https:\/\/i0.wp.com\/itayachtscanada.com\/wp-content\/uploads\/2025\/07\/Capture-decran-le-2025-07-22-a-14.01.54-1.jpg?fit=300%2C199&amp;ssl=1\" class=\"attachment-medium size-medium\" alt=\"\" srcset=\"https:\/\/i0.wp.com\/itayachtscanada.com\/wp-content\/uploads\/2025\/07\/Capture-decran-le-2025-07-22-a-14.01.54-1.jpg?w=1406&amp;ssl=1 1406w, https:\/\/i0.wp.com\/itayachtscanada.com\/wp-content\/uploads\/2025\/07\/Capture-decran-le-2025-07-22-a-14.01.54-1.jpg?resize=300%2C199&amp;ssl=1 300w, https:\/\/i0.wp.com\/itayachtscanada.com\/wp-content\/uploads\/2025\/07\/Capture-decran-le-2025-07-22-a-14.01.54-1.jpg?resize=1024%2C680&amp;ssl=1 1024w, https:\/\/i0.wp.com\/itayachtscanada.com\/wp-content\/uploads\/2025\/07\/Capture-decran-le-2025-07-22-a-14.01.54-1.jpg?resize=768%2C510&amp;ssl=1 768w, https:\/\/i0.wp.com\/itayachtscanada.com\/wp-content\/uploads\/2025\/07\/Capture-decran-le-2025-07-22-a-14.01.54-1.jpg?resize=700%2C465&amp;ssl=1 700w, https:\/\/i0.wp.com\/itayachtscanada.com\/wp-content\/uploads\/2025\/07\/Capture-decran-le-2025-07-22-a-14.01.54-1.jpg?resize=900%2C600&amp;ssl=1 900w, https:\/\/i0.wp.com\/itayachtscanada.com\/wp-content\/uploads\/2025\/07\/Capture-decran-le-2025-07-22-a-14.01.54-1.jpg?resize=602%2C400&amp;ssl=1 602w\" sizes=\"auto, (max-width: 300px) 100vw, 300px\" data-attachment-id=\"281527\" data-permalink=\"https:\/\/itayachtscanada.com\/fr\/listing\/princess-y72-m-y-2024-4695000-usd-for-sale\/capture-decran-le-2025-07-22-a-14-01-54-2\/\" data-orig-file=\"https:\/\/i0.wp.com\/itayachtscanada.com\/wp-content\/uploads\/2025\/07\/Capture-decran-le-2025-07-22-a-14.01.54-1.jpg?fit=1406%2C934&amp;ssl=1\" data-orig-size=\"1406,934\" data-comments-opened=\"1\" data-image-meta=\"{&quot;aperture&quot;:&quot;0&quot;,&quot;credit&quot;:&quot;&quot;,&quot;camera&quot;:&quot;&quot;,&quot;caption&quot;:&quot;&quot;,&quot;created_timestamp&quot;:&quot;0&quot;,&quot;copyright&quot;:&quot;&quot;,&quot;focal_length&quot;:&quot;0&quot;,&quot;iso&quot;:&quot;0&quot;,&quot;shutter_speed&quot;:&quot;0&quot;,&quot;title&quot;:&quot;&quot;,&quot;orientation&quot;:&quot;0&quot;}\" data-image-title=\"Capture d\u2019e\u0301cran, le 2025-07-22 a\u0300 14.01.54\" data-image-description=\"\" data-image-caption=\"\" data-large-file=\"https:\/\/i0.wp.com\/itayachtscanada.com\/wp-content\/uploads\/2025\/07\/Capture-decran-le-2025-07-22-a-14.01.54-1.jpg?fit=700%2C465&amp;ssl=1\" \/><\/a>\n\t\t\t<\/div><\/figure><figure class='gallery-item'>\n\t\t\t<div class='gallery-icon landscape'>\n\t\t\t\t<a href='https:\/\/itayachtscanada.com\/fr\/listing\/princess-y72-m-y-2024-4695000-usd-for-sale\/capture-decran-le-2025-07-22-a-14-01-58-2\/'><img loading=\"lazy\" decoding=\"async\" width=\"300\" height=\"199\" src=\"https:\/\/i0.wp.com\/itayachtscanada.com\/wp-content\/uploads\/2025\/07\/Capture-decran-le-2025-07-22-a-14.01.58-1.jpg?fit=300%2C199&amp;ssl=1\" class=\"attachment-medium size-medium\" alt=\"\" srcset=\"https:\/\/i0.wp.com\/itayachtscanada.com\/wp-content\/uploads\/2025\/07\/Capture-decran-le-2025-07-22-a-14.01.58-1.jpg?w=1406&amp;ssl=1 1406w, https:\/\/i0.wp.com\/itayachtscanada.com\/wp-content\/uploads\/2025\/07\/Capture-decran-le-2025-07-22-a-14.01.58-1.jpg?resize=300%2C199&amp;ssl=1 300w, https:\/\/i0.wp.com\/itayachtscanada.com\/wp-content\/uploads\/2025\/07\/Capture-decran-le-2025-07-22-a-14.01.58-1.jpg?resize=1024%2C680&amp;ssl=1 1024w, https:\/\/i0.wp.com\/itayachtscanada.com\/wp-content\/uploads\/2025\/07\/Capture-decran-le-2025-07-22-a-14.01.58-1.jpg?resize=768%2C510&amp;ssl=1 768w, https:\/\/i0.wp.com\/itayachtscanada.com\/wp-content\/uploads\/2025\/07\/Capture-decran-le-2025-07-22-a-14.01.58-1.jpg?resize=700%2C465&amp;ssl=1 700w, https:\/\/i0.wp.com\/itayachtscanada.com\/wp-content\/uploads\/2025\/07\/Capture-decran-le-2025-07-22-a-14.01.58-1.jpg?resize=900%2C600&amp;ssl=1 900w, https:\/\/i0.wp.com\/itayachtscanada.com\/wp-content\/uploads\/2025\/07\/Capture-decran-le-2025-07-22-a-14.01.58-1.jpg?resize=602%2C400&amp;ssl=1 602w\" sizes=\"auto, (max-width: 300px) 100vw, 300px\" data-attachment-id=\"281526\" data-permalink=\"https:\/\/itayachtscanada.com\/fr\/listing\/princess-y72-m-y-2024-4695000-usd-for-sale\/capture-decran-le-2025-07-22-a-14-01-58-2\/\" data-orig-file=\"https:\/\/i0.wp.com\/itayachtscanada.com\/wp-content\/uploads\/2025\/07\/Capture-decran-le-2025-07-22-a-14.01.58-1.jpg?fit=1406%2C934&amp;ssl=1\" data-orig-size=\"1406,934\" data-comments-opened=\"1\" data-image-meta=\"{&quot;aperture&quot;:&quot;0&quot;,&quot;credit&quot;:&quot;&quot;,&quot;camera&quot;:&quot;&quot;,&quot;caption&quot;:&quot;&quot;,&quot;created_timestamp&quot;:&quot;0&quot;,&quot;copyright&quot;:&quot;&quot;,&quot;focal_length&quot;:&quot;0&quot;,&quot;iso&quot;:&quot;0&quot;,&quot;shutter_speed&quot;:&quot;0&quot;,&quot;title&quot;:&quot;&quot;,&quot;orientation&quot;:&quot;0&quot;}\" data-image-title=\"Capture d\u2019e\u0301cran, le 2025-07-22 a\u0300 14.01.58\" data-image-description=\"\" data-image-caption=\"\" data-large-file=\"https:\/\/i0.wp.com\/itayachtscanada.com\/wp-content\/uploads\/2025\/07\/Capture-decran-le-2025-07-22-a-14.01.58-1.jpg?fit=700%2C465&amp;ssl=1\" \/><\/a>\n\t\t\t<\/div><\/figure><figure class='gallery-item'>\n\t\t\t<div class='gallery-icon landscape'>\n\t\t\t\t<a href='https:\/\/itayachtscanada.com\/fr\/listing\/princess-y72-m-y-2024-4695000-usd-for-sale\/capture-decran-le-2025-07-22-a-14-01-39-2\/'><img loading=\"lazy\" decoding=\"async\" width=\"300\" height=\"199\" src=\"https:\/\/i0.wp.com\/itayachtscanada.com\/wp-content\/uploads\/2025\/07\/Capture-decran-le-2025-07-22-a-14.01.39-1.jpg?fit=300%2C199&amp;ssl=1\" class=\"attachment-medium size-medium\" alt=\"\" srcset=\"https:\/\/i0.wp.com\/itayachtscanada.com\/wp-content\/uploads\/2025\/07\/Capture-decran-le-2025-07-22-a-14.01.39-1.jpg?w=1406&amp;ssl=1 1406w, https:\/\/i0.wp.com\/itayachtscanada.com\/wp-content\/uploads\/2025\/07\/Capture-decran-le-2025-07-22-a-14.01.39-1.jpg?resize=300%2C199&amp;ssl=1 300w, https:\/\/i0.wp.com\/itayachtscanada.com\/wp-content\/uploads\/2025\/07\/Capture-decran-le-2025-07-22-a-14.01.39-1.jpg?resize=1024%2C680&amp;ssl=1 1024w, https:\/\/i0.wp.com\/itayachtscanada.com\/wp-content\/uploads\/2025\/07\/Capture-decran-le-2025-07-22-a-14.01.39-1.jpg?resize=768%2C510&amp;ssl=1 768w, https:\/\/i0.wp.com\/itayachtscanada.com\/wp-content\/uploads\/2025\/07\/Capture-decran-le-2025-07-22-a-14.01.39-1.jpg?resize=700%2C465&amp;ssl=1 700w, https:\/\/i0.wp.com\/itayachtscanada.com\/wp-content\/uploads\/2025\/07\/Capture-decran-le-2025-07-22-a-14.01.39-1.jpg?resize=900%2C600&amp;ssl=1 900w, https:\/\/i0.wp.com\/itayachtscanada.com\/wp-content\/uploads\/2025\/07\/Capture-decran-le-2025-07-22-a-14.01.39-1.jpg?resize=602%2C400&amp;ssl=1 602w\" sizes=\"auto, (max-width: 300px) 100vw, 300px\" data-attachment-id=\"281531\" data-permalink=\"https:\/\/itayachtscanada.com\/fr\/listing\/princess-y72-m-y-2024-4695000-usd-for-sale\/capture-decran-le-2025-07-22-a-14-01-39-2\/\" data-orig-file=\"https:\/\/i0.wp.com\/itayachtscanada.com\/wp-content\/uploads\/2025\/07\/Capture-decran-le-2025-07-22-a-14.01.39-1.jpg?fit=1406%2C934&amp;ssl=1\" data-orig-size=\"1406,934\" data-comments-opened=\"1\" data-image-meta=\"{&quot;aperture&quot;:&quot;0&quot;,&quot;credit&quot;:&quot;&quot;,&quot;camera&quot;:&quot;&quot;,&quot;caption&quot;:&quot;&quot;,&quot;created_timestamp&quot;:&quot;0&quot;,&quot;copyright&quot;:&quot;&quot;,&quot;focal_length&quot;:&quot;0&quot;,&quot;iso&quot;:&quot;0&quot;,&quot;shutter_speed&quot;:&quot;0&quot;,&quot;title&quot;:&quot;&quot;,&quot;orientation&quot;:&quot;0&quot;}\" data-image-title=\"Capture d\u2019e\u0301cran, le 2025-07-22 a\u0300 14.01.39\" data-image-description=\"\" data-image-caption=\"\" data-large-file=\"https:\/\/i0.wp.com\/itayachtscanada.com\/wp-content\/uploads\/2025\/07\/Capture-decran-le-2025-07-22-a-14.01.39-1.jpg?fit=700%2C465&amp;ssl=1\" \/><\/a>\n\t\t\t<\/div><\/figure><figure class='gallery-item'>\n\t\t\t<div class='gallery-icon landscape'>\n\t\t\t\t<a href='https:\/\/itayachtscanada.com\/fr\/listing\/princess-y72-m-y-2024-4695000-usd-for-sale\/capture-decran-le-2025-07-22-a-14-01-36-2\/'><img loading=\"lazy\" decoding=\"async\" width=\"300\" height=\"199\" src=\"https:\/\/i0.wp.com\/itayachtscanada.com\/wp-content\/uploads\/2025\/07\/Capture-decran-le-2025-07-22-a-14.01.36-1.jpg?fit=300%2C199&amp;ssl=1\" class=\"attachment-medium size-medium\" alt=\"\" srcset=\"https:\/\/i0.wp.com\/itayachtscanada.com\/wp-content\/uploads\/2025\/07\/Capture-decran-le-2025-07-22-a-14.01.36-1.jpg?w=1406&amp;ssl=1 1406w, https:\/\/i0.wp.com\/itayachtscanada.com\/wp-content\/uploads\/2025\/07\/Capture-decran-le-2025-07-22-a-14.01.36-1.jpg?resize=300%2C199&amp;ssl=1 300w, https:\/\/i0.wp.com\/itayachtscanada.com\/wp-content\/uploads\/2025\/07\/Capture-decran-le-2025-07-22-a-14.01.36-1.jpg?resize=1024%2C680&amp;ssl=1 1024w, https:\/\/i0.wp.com\/itayachtscanada.com\/wp-content\/uploads\/2025\/07\/Capture-decran-le-2025-07-22-a-14.01.36-1.jpg?resize=768%2C510&amp;ssl=1 768w, https:\/\/i0.wp.com\/itayachtscanada.com\/wp-content\/uploads\/2025\/07\/Capture-decran-le-2025-07-22-a-14.01.36-1.jpg?resize=700%2C465&amp;ssl=1 700w, https:\/\/i0.wp.com\/itayachtscanada.com\/wp-content\/uploads\/2025\/07\/Capture-decran-le-2025-07-22-a-14.01.36-1.jpg?resize=900%2C600&amp;ssl=1 900w, https:\/\/i0.wp.com\/itayachtscanada.com\/wp-content\/uploads\/2025\/07\/Capture-decran-le-2025-07-22-a-14.01.36-1.jpg?resize=602%2C400&amp;ssl=1 602w\" sizes=\"auto, (max-width: 300px) 100vw, 300px\" data-attachment-id=\"281532\" data-permalink=\"https:\/\/itayachtscanada.com\/fr\/listing\/princess-y72-m-y-2024-4695000-usd-for-sale\/capture-decran-le-2025-07-22-a-14-01-36-2\/\" data-orig-file=\"https:\/\/i0.wp.com\/itayachtscanada.com\/wp-content\/uploads\/2025\/07\/Capture-decran-le-2025-07-22-a-14.01.36-1.jpg?fit=1406%2C934&amp;ssl=1\" data-orig-size=\"1406,934\" data-comments-opened=\"1\" data-image-meta=\"{&quot;aperture&quot;:&quot;0&quot;,&quot;credit&quot;:&quot;&quot;,&quot;camera&quot;:&quot;&quot;,&quot;caption&quot;:&quot;&quot;,&quot;created_timestamp&quot;:&quot;0&quot;,&quot;copyright&quot;:&quot;&quot;,&quot;focal_length&quot;:&quot;0&quot;,&quot;iso&quot;:&quot;0&quot;,&quot;shutter_speed&quot;:&quot;0&quot;,&quot;title&quot;:&quot;&quot;,&quot;orientation&quot;:&quot;0&quot;}\" data-image-title=\"Capture d\u2019e\u0301cran, le 2025-07-22 a\u0300 14.01.36\" data-image-description=\"\" data-image-caption=\"\" data-large-file=\"https:\/\/i0.wp.com\/itayachtscanada.com\/wp-content\/uploads\/2025\/07\/Capture-decran-le-2025-07-22-a-14.01.36-1.jpg?fit=700%2C465&amp;ssl=1\" \/><\/a>\n\t\t\t<\/div><\/figure><figure class='gallery-item'>\n\t\t\t<div class='gallery-icon landscape'>\n\t\t\t\t<a href='https:\/\/itayachtscanada.com\/fr\/listing\/princess-y72-m-y-2024-4695000-usd-for-sale\/capture-decran-le-2025-07-22-a-14-00-56-2\/'><img loading=\"lazy\" decoding=\"async\" width=\"300\" height=\"199\" src=\"https:\/\/i0.wp.com\/itayachtscanada.com\/wp-content\/uploads\/2025\/07\/Capture-decran-le-2025-07-22-a-14.00.56-1.jpg?fit=300%2C199&amp;ssl=1\" class=\"attachment-medium size-medium\" alt=\"\" srcset=\"https:\/\/i0.wp.com\/itayachtscanada.com\/wp-content\/uploads\/2025\/07\/Capture-decran-le-2025-07-22-a-14.00.56-1.jpg?w=1406&amp;ssl=1 1406w, https:\/\/i0.wp.com\/itayachtscanada.com\/wp-content\/uploads\/2025\/07\/Capture-decran-le-2025-07-22-a-14.00.56-1.jpg?resize=300%2C199&amp;ssl=1 300w, https:\/\/i0.wp.com\/itayachtscanada.com\/wp-content\/uploads\/2025\/07\/Capture-decran-le-2025-07-22-a-14.00.56-1.jpg?resize=1024%2C680&amp;ssl=1 1024w, https:\/\/i0.wp.com\/itayachtscanada.com\/wp-content\/uploads\/2025\/07\/Capture-decran-le-2025-07-22-a-14.00.56-1.jpg?resize=768%2C510&amp;ssl=1 768w, https:\/\/i0.wp.com\/itayachtscanada.com\/wp-content\/uploads\/2025\/07\/Capture-decran-le-2025-07-22-a-14.00.56-1.jpg?resize=700%2C465&amp;ssl=1 700w, https:\/\/i0.wp.com\/itayachtscanada.com\/wp-content\/uploads\/2025\/07\/Capture-decran-le-2025-07-22-a-14.00.56-1.jpg?resize=900%2C600&amp;ssl=1 900w, https:\/\/i0.wp.com\/itayachtscanada.com\/wp-content\/uploads\/2025\/07\/Capture-decran-le-2025-07-22-a-14.00.56-1.jpg?resize=602%2C400&amp;ssl=1 602w\" sizes=\"auto, (max-width: 300px) 100vw, 300px\" data-attachment-id=\"281543\" data-permalink=\"https:\/\/itayachtscanada.com\/fr\/listing\/princess-y72-m-y-2024-4695000-usd-for-sale\/capture-decran-le-2025-07-22-a-14-00-56-2\/\" data-orig-file=\"https:\/\/i0.wp.com\/itayachtscanada.com\/wp-content\/uploads\/2025\/07\/Capture-decran-le-2025-07-22-a-14.00.56-1.jpg?fit=1406%2C934&amp;ssl=1\" data-orig-size=\"1406,934\" data-comments-opened=\"1\" data-image-meta=\"{&quot;aperture&quot;:&quot;0&quot;,&quot;credit&quot;:&quot;&quot;,&quot;camera&quot;:&quot;&quot;,&quot;caption&quot;:&quot;&quot;,&quot;created_timestamp&quot;:&quot;0&quot;,&quot;copyright&quot;:&quot;&quot;,&quot;focal_length&quot;:&quot;0&quot;,&quot;iso&quot;:&quot;0&quot;,&quot;shutter_speed&quot;:&quot;0&quot;,&quot;title&quot;:&quot;&quot;,&quot;orientation&quot;:&quot;0&quot;}\" data-image-title=\"Capture d\u2019e\u0301cran, le 2025-07-22 a\u0300 14.00.56\" data-image-description=\"\" data-image-caption=\"\" data-large-file=\"https:\/\/i0.wp.com\/itayachtscanada.com\/wp-content\/uploads\/2025\/07\/Capture-decran-le-2025-07-22-a-14.00.56-1.jpg?fit=700%2C465&amp;ssl=1\" \/><\/a>\n\t\t\t<\/div><\/figure><figure class='gallery-item'>\n\t\t\t<div class='gallery-icon landscape'>\n\t\t\t\t<a href='https:\/\/itayachtscanada.com\/fr\/listing\/princess-y72-m-y-2024-4695000-usd-for-sale\/capture-decran-le-2025-07-22-a-14-00-52-2\/'><img loading=\"lazy\" decoding=\"async\" width=\"300\" height=\"199\" src=\"https:\/\/i0.wp.com\/itayachtscanada.com\/wp-content\/uploads\/2025\/07\/Capture-decran-le-2025-07-22-a-14.00.52-1.jpg?fit=300%2C199&amp;ssl=1\" class=\"attachment-medium size-medium\" alt=\"\" srcset=\"https:\/\/i0.wp.com\/itayachtscanada.com\/wp-content\/uploads\/2025\/07\/Capture-decran-le-2025-07-22-a-14.00.52-1.jpg?w=1406&amp;ssl=1 1406w, https:\/\/i0.wp.com\/itayachtscanada.com\/wp-content\/uploads\/2025\/07\/Capture-decran-le-2025-07-22-a-14.00.52-1.jpg?resize=300%2C199&amp;ssl=1 300w, https:\/\/i0.wp.com\/itayachtscanada.com\/wp-content\/uploads\/2025\/07\/Capture-decran-le-2025-07-22-a-14.00.52-1.jpg?resize=1024%2C680&amp;ssl=1 1024w, https:\/\/i0.wp.com\/itayachtscanada.com\/wp-content\/uploads\/2025\/07\/Capture-decran-le-2025-07-22-a-14.00.52-1.jpg?resize=768%2C510&amp;ssl=1 768w, https:\/\/i0.wp.com\/itayachtscanada.com\/wp-content\/uploads\/2025\/07\/Capture-decran-le-2025-07-22-a-14.00.52-1.jpg?resize=700%2C465&amp;ssl=1 700w, https:\/\/i0.wp.com\/itayachtscanada.com\/wp-content\/uploads\/2025\/07\/Capture-decran-le-2025-07-22-a-14.00.52-1.jpg?resize=900%2C600&amp;ssl=1 900w, https:\/\/i0.wp.com\/itayachtscanada.com\/wp-content\/uploads\/2025\/07\/Capture-decran-le-2025-07-22-a-14.00.52-1.jpg?resize=602%2C400&amp;ssl=1 602w\" sizes=\"auto, (max-width: 300px) 100vw, 300px\" data-attachment-id=\"281544\" data-permalink=\"https:\/\/itayachtscanada.com\/fr\/listing\/princess-y72-m-y-2024-4695000-usd-for-sale\/capture-decran-le-2025-07-22-a-14-00-52-2\/\" data-orig-file=\"https:\/\/i0.wp.com\/itayachtscanada.com\/wp-content\/uploads\/2025\/07\/Capture-decran-le-2025-07-22-a-14.00.52-1.jpg?fit=1406%2C934&amp;ssl=1\" data-orig-size=\"1406,934\" data-comments-opened=\"1\" data-image-meta=\"{&quot;aperture&quot;:&quot;0&quot;,&quot;credit&quot;:&quot;&quot;,&quot;camera&quot;:&quot;&quot;,&quot;caption&quot;:&quot;&quot;,&quot;created_timestamp&quot;:&quot;0&quot;,&quot;copyright&quot;:&quot;&quot;,&quot;focal_length&quot;:&quot;0&quot;,&quot;iso&quot;:&quot;0&quot;,&quot;shutter_speed&quot;:&quot;0&quot;,&quot;title&quot;:&quot;&quot;,&quot;orientation&quot;:&quot;0&quot;}\" data-image-title=\"Capture d\u2019e\u0301cran, le 2025-07-22 a\u0300 14.00.52\" data-image-description=\"\" data-image-caption=\"\" data-large-file=\"https:\/\/i0.wp.com\/itayachtscanada.com\/wp-content\/uploads\/2025\/07\/Capture-decran-le-2025-07-22-a-14.00.52-1.jpg?fit=700%2C465&amp;ssl=1\" \/><\/a>\n\t\t\t<\/div><\/figure><figure class='gallery-item'>\n\t\t\t<div class='gallery-icon portrait'>\n\t\t\t\t<a href='https:\/\/itayachtscanada.com\/fr\/listing\/princess-y72-m-y-2024-4695000-usd-for-sale\/layout-princess-y72-3\/'><img loading=\"lazy\" decoding=\"async\" width=\"267\" height=\"300\" src=\"https:\/\/i0.wp.com\/itayachtscanada.com\/wp-content\/uploads\/2025\/07\/Layout-Princess-Y72-1.jpg?fit=267%2C300&amp;ssl=1\" class=\"attachment-medium size-medium\" alt=\"\" srcset=\"https:\/\/i0.wp.com\/itayachtscanada.com\/wp-content\/uploads\/2025\/07\/Layout-Princess-Y72-1.jpg?w=1084&amp;ssl=1 1084w, https:\/\/i0.wp.com\/itayachtscanada.com\/wp-content\/uploads\/2025\/07\/Layout-Princess-Y72-1.jpg?resize=267%2C300&amp;ssl=1 267w, https:\/\/i0.wp.com\/itayachtscanada.com\/wp-content\/uploads\/2025\/07\/Layout-Princess-Y72-1.jpg?resize=913%2C1024&amp;ssl=1 913w, https:\/\/i0.wp.com\/itayachtscanada.com\/wp-content\/uploads\/2025\/07\/Layout-Princess-Y72-1.jpg?resize=768%2C862&amp;ssl=1 768w, https:\/\/i0.wp.com\/itayachtscanada.com\/wp-content\/uploads\/2025\/07\/Layout-Princess-Y72-1.jpg?resize=700%2C785&amp;ssl=1 700w, https:\/\/i0.wp.com\/itayachtscanada.com\/wp-content\/uploads\/2025\/07\/Layout-Princess-Y72-1.jpg?resize=357%2C400&amp;ssl=1 357w\" sizes=\"auto, (max-width: 267px) 100vw, 267px\" data-attachment-id=\"281565\" data-permalink=\"https:\/\/itayachtscanada.com\/fr\/listing\/princess-y72-m-y-2024-4695000-usd-for-sale\/layout-princess-y72-3\/\" data-orig-file=\"https:\/\/i0.wp.com\/itayachtscanada.com\/wp-content\/uploads\/2025\/07\/Layout-Princess-Y72-1.jpg?fit=1084%2C1216&amp;ssl=1\" data-orig-size=\"1084,1216\" data-comments-opened=\"1\" data-image-meta=\"{&quot;aperture&quot;:&quot;0&quot;,&quot;credit&quot;:&quot;&quot;,&quot;camera&quot;:&quot;&quot;,&quot;caption&quot;:&quot;&quot;,&quot;created_timestamp&quot;:&quot;0&quot;,&quot;copyright&quot;:&quot;&quot;,&quot;focal_length&quot;:&quot;0&quot;,&quot;iso&quot;:&quot;0&quot;,&quot;shutter_speed&quot;:&quot;0&quot;,&quot;title&quot;:&quot;&quot;,&quot;orientation&quot;:&quot;0&quot;}\" data-image-title=\"Layout Princess Y72\" data-image-description=\"\" data-image-caption=\"\" data-large-file=\"https:\/\/i0.wp.com\/itayachtscanada.com\/wp-content\/uploads\/2025\/07\/Layout-Princess-Y72-1.jpg?fit=700%2C785&amp;ssl=1\" \/><\/a>\n\t\t\t<\/div><\/figure><figure class='gallery-item'>\n\t\t\t<div class='gallery-icon landscape'>\n\t\t\t\t<a href='https:\/\/itayachtscanada.com\/fr\/listing\/princess-y72-m-y-2024-4695000-usd-for-sale\/capture-decran-le-2025-07-22-a-13-59-55-2\/'><img loading=\"lazy\" decoding=\"async\" width=\"300\" height=\"199\" src=\"https:\/\/i0.wp.com\/itayachtscanada.com\/wp-content\/uploads\/2025\/07\/Capture-decran-le-2025-07-22-a-13.59.55-1.jpg?fit=300%2C199&amp;ssl=1\" class=\"attachment-medium size-medium\" alt=\"\" srcset=\"https:\/\/i0.wp.com\/itayachtscanada.com\/wp-content\/uploads\/2025\/07\/Capture-decran-le-2025-07-22-a-13.59.55-1.jpg?w=1406&amp;ssl=1 1406w, https:\/\/i0.wp.com\/itayachtscanada.com\/wp-content\/uploads\/2025\/07\/Capture-decran-le-2025-07-22-a-13.59.55-1.jpg?resize=300%2C199&amp;ssl=1 300w, https:\/\/i0.wp.com\/itayachtscanada.com\/wp-content\/uploads\/2025\/07\/Capture-decran-le-2025-07-22-a-13.59.55-1.jpg?resize=1024%2C680&amp;ssl=1 1024w, https:\/\/i0.wp.com\/itayachtscanada.com\/wp-content\/uploads\/2025\/07\/Capture-decran-le-2025-07-22-a-13.59.55-1.jpg?resize=768%2C510&amp;ssl=1 768w, https:\/\/i0.wp.com\/itayachtscanada.com\/wp-content\/uploads\/2025\/07\/Capture-decran-le-2025-07-22-a-13.59.55-1.jpg?resize=700%2C465&amp;ssl=1 700w, https:\/\/i0.wp.com\/itayachtscanada.com\/wp-content\/uploads\/2025\/07\/Capture-decran-le-2025-07-22-a-13.59.55-1.jpg?resize=900%2C600&amp;ssl=1 900w, https:\/\/i0.wp.com\/itayachtscanada.com\/wp-content\/uploads\/2025\/07\/Capture-decran-le-2025-07-22-a-13.59.55-1.jpg?resize=602%2C400&amp;ssl=1 602w\" sizes=\"auto, (max-width: 300px) 100vw, 300px\" data-attachment-id=\"281552\" data-permalink=\"https:\/\/itayachtscanada.com\/fr\/listing\/princess-y72-m-y-2024-4695000-usd-for-sale\/capture-decran-le-2025-07-22-a-13-59-55-2\/\" data-orig-file=\"https:\/\/i0.wp.com\/itayachtscanada.com\/wp-content\/uploads\/2025\/07\/Capture-decran-le-2025-07-22-a-13.59.55-1.jpg?fit=1406%2C934&amp;ssl=1\" data-orig-size=\"1406,934\" data-comments-opened=\"1\" data-image-meta=\"{&quot;aperture&quot;:&quot;0&quot;,&quot;credit&quot;:&quot;&quot;,&quot;camera&quot;:&quot;&quot;,&quot;caption&quot;:&quot;&quot;,&quot;created_timestamp&quot;:&quot;0&quot;,&quot;copyright&quot;:&quot;&quot;,&quot;focal_length&quot;:&quot;0&quot;,&quot;iso&quot;:&quot;0&quot;,&quot;shutter_speed&quot;:&quot;0&quot;,&quot;title&quot;:&quot;&quot;,&quot;orientation&quot;:&quot;0&quot;}\" data-image-title=\"Capture d\u2019e\u0301cran, le 2025-07-22 a\u0300 13.59.55\" data-image-description=\"\" data-image-caption=\"\" data-large-file=\"https:\/\/i0.wp.com\/itayachtscanada.com\/wp-content\/uploads\/2025\/07\/Capture-decran-le-2025-07-22-a-13.59.55-1.jpg?fit=700%2C465&amp;ssl=1\" \/><\/a>\n\t\t\t<\/div><\/figure><figure class='gallery-item'>\n\t\t\t<div class='gallery-icon landscape'>\n\t\t\t\t<a href='https:\/\/itayachtscanada.com\/fr\/listing\/princess-y72-m-y-2024-4695000-usd-for-sale\/capture-decran-le-2025-07-22-a-13-59-51-2\/'><img loading=\"lazy\" decoding=\"async\" width=\"300\" height=\"199\" src=\"https:\/\/i0.wp.com\/itayachtscanada.com\/wp-content\/uploads\/2025\/07\/Capture-decran-le-2025-07-22-a-13.59.51-1.jpg?fit=300%2C199&amp;ssl=1\" class=\"attachment-medium size-medium\" alt=\"\" srcset=\"https:\/\/i0.wp.com\/itayachtscanada.com\/wp-content\/uploads\/2025\/07\/Capture-decran-le-2025-07-22-a-13.59.51-1.jpg?w=1406&amp;ssl=1 1406w, https:\/\/i0.wp.com\/itayachtscanada.com\/wp-content\/uploads\/2025\/07\/Capture-decran-le-2025-07-22-a-13.59.51-1.jpg?resize=300%2C199&amp;ssl=1 300w, https:\/\/i0.wp.com\/itayachtscanada.com\/wp-content\/uploads\/2025\/07\/Capture-decran-le-2025-07-22-a-13.59.51-1.jpg?resize=1024%2C680&amp;ssl=1 1024w, https:\/\/i0.wp.com\/itayachtscanada.com\/wp-content\/uploads\/2025\/07\/Capture-decran-le-2025-07-22-a-13.59.51-1.jpg?resize=768%2C510&amp;ssl=1 768w, https:\/\/i0.wp.com\/itayachtscanada.com\/wp-content\/uploads\/2025\/07\/Capture-decran-le-2025-07-22-a-13.59.51-1.jpg?resize=700%2C465&amp;ssl=1 700w, https:\/\/i0.wp.com\/itayachtscanada.com\/wp-content\/uploads\/2025\/07\/Capture-decran-le-2025-07-22-a-13.59.51-1.jpg?resize=900%2C600&amp;ssl=1 900w, https:\/\/i0.wp.com\/itayachtscanada.com\/wp-content\/uploads\/2025\/07\/Capture-decran-le-2025-07-22-a-13.59.51-1.jpg?resize=602%2C400&amp;ssl=1 602w\" sizes=\"auto, (max-width: 300px) 100vw, 300px\" data-attachment-id=\"281553\" data-permalink=\"https:\/\/itayachtscanada.com\/fr\/listing\/princess-y72-m-y-2024-4695000-usd-for-sale\/capture-decran-le-2025-07-22-a-13-59-51-2\/\" data-orig-file=\"https:\/\/i0.wp.com\/itayachtscanada.com\/wp-content\/uploads\/2025\/07\/Capture-decran-le-2025-07-22-a-13.59.51-1.jpg?fit=1406%2C934&amp;ssl=1\" data-orig-size=\"1406,934\" data-comments-opened=\"1\" data-image-meta=\"{&quot;aperture&quot;:&quot;0&quot;,&quot;credit&quot;:&quot;&quot;,&quot;camera&quot;:&quot;&quot;,&quot;caption&quot;:&quot;&quot;,&quot;created_timestamp&quot;:&quot;0&quot;,&quot;copyright&quot;:&quot;&quot;,&quot;focal_length&quot;:&quot;0&quot;,&quot;iso&quot;:&quot;0&quot;,&quot;shutter_speed&quot;:&quot;0&quot;,&quot;title&quot;:&quot;&quot;,&quot;orientation&quot;:&quot;0&quot;}\" data-image-title=\"Capture d\u2019e\u0301cran, le 2025-07-22 a\u0300 13.59.51\" data-image-description=\"\" data-image-caption=\"\" data-large-file=\"https:\/\/i0.wp.com\/itayachtscanada.com\/wp-content\/uploads\/2025\/07\/Capture-decran-le-2025-07-22-a-13.59.51-1.jpg?fit=700%2C465&amp;ssl=1\" \/><\/a>\n\t\t\t<\/div><\/figure><figure class='gallery-item'>\n\t\t\t<div class='gallery-icon landscape'>\n\t\t\t\t<a href='https:\/\/itayachtscanada.com\/fr\/listing\/princess-y72-m-y-2024-4695000-usd-for-sale\/capture-decran-le-2025-07-22-a-13-59-58-2\/'><img loading=\"lazy\" decoding=\"async\" width=\"300\" height=\"199\" src=\"https:\/\/i0.wp.com\/itayachtscanada.com\/wp-content\/uploads\/2025\/07\/Capture-decran-le-2025-07-22-a-13.59.58-1.jpg?fit=300%2C199&amp;ssl=1\" class=\"attachment-medium size-medium\" alt=\"\" srcset=\"https:\/\/i0.wp.com\/itayachtscanada.com\/wp-content\/uploads\/2025\/07\/Capture-decran-le-2025-07-22-a-13.59.58-1.jpg?w=1406&amp;ssl=1 1406w, https:\/\/i0.wp.com\/itayachtscanada.com\/wp-content\/uploads\/2025\/07\/Capture-decran-le-2025-07-22-a-13.59.58-1.jpg?resize=300%2C199&amp;ssl=1 300w, https:\/\/i0.wp.com\/itayachtscanada.com\/wp-content\/uploads\/2025\/07\/Capture-decran-le-2025-07-22-a-13.59.58-1.jpg?resize=1024%2C680&amp;ssl=1 1024w, https:\/\/i0.wp.com\/itayachtscanada.com\/wp-content\/uploads\/2025\/07\/Capture-decran-le-2025-07-22-a-13.59.58-1.jpg?resize=768%2C510&amp;ssl=1 768w, https:\/\/i0.wp.com\/itayachtscanada.com\/wp-content\/uploads\/2025\/07\/Capture-decran-le-2025-07-22-a-13.59.58-1.jpg?resize=700%2C465&amp;ssl=1 700w, https:\/\/i0.wp.com\/itayachtscanada.com\/wp-content\/uploads\/2025\/07\/Capture-decran-le-2025-07-22-a-13.59.58-1.jpg?resize=900%2C600&amp;ssl=1 900w, https:\/\/i0.wp.com\/itayachtscanada.com\/wp-content\/uploads\/2025\/07\/Capture-decran-le-2025-07-22-a-13.59.58-1.jpg?resize=602%2C400&amp;ssl=1 602w\" sizes=\"auto, (max-width: 300px) 100vw, 300px\" data-attachment-id=\"281551\" data-permalink=\"https:\/\/itayachtscanada.com\/fr\/listing\/princess-y72-m-y-2024-4695000-usd-for-sale\/capture-decran-le-2025-07-22-a-13-59-58-2\/\" data-orig-file=\"https:\/\/i0.wp.com\/itayachtscanada.com\/wp-content\/uploads\/2025\/07\/Capture-decran-le-2025-07-22-a-13.59.58-1.jpg?fit=1406%2C934&amp;ssl=1\" data-orig-size=\"1406,934\" data-comments-opened=\"1\" data-image-meta=\"{&quot;aperture&quot;:&quot;0&quot;,&quot;credit&quot;:&quot;&quot;,&quot;camera&quot;:&quot;&quot;,&quot;caption&quot;:&quot;&quot;,&quot;created_timestamp&quot;:&quot;0&quot;,&quot;copyright&quot;:&quot;&quot;,&quot;focal_length&quot;:&quot;0&quot;,&quot;iso&quot;:&quot;0&quot;,&quot;shutter_speed&quot;:&quot;0&quot;,&quot;title&quot;:&quot;&quot;,&quot;orientation&quot;:&quot;0&quot;}\" data-image-title=\"Capture d\u2019e\u0301cran, le 2025-07-22 a\u0300 13.59.58\" data-image-description=\"\" data-image-caption=\"\" data-large-file=\"https:\/\/i0.wp.com\/itayachtscanada.com\/wp-content\/uploads\/2025\/07\/Capture-decran-le-2025-07-22-a-13.59.58-1.jpg?fit=700%2C465&amp;ssl=1\" \/><\/a>\n\t\t\t<\/div><\/figure><figure class='gallery-item'>\n\t\t\t<div class='gallery-icon landscape'>\n\t\t\t\t<a href='https:\/\/itayachtscanada.com\/fr\/listing\/princess-y72-m-y-2024-4695000-usd-for-sale\/capture-decran-le-2025-07-22-a-13-59-47-2\/'><img loading=\"lazy\" decoding=\"async\" width=\"300\" height=\"199\" src=\"https:\/\/i0.wp.com\/itayachtscanada.com\/wp-content\/uploads\/2025\/07\/Capture-decran-le-2025-07-22-a-13.59.47-1.jpg?fit=300%2C199&amp;ssl=1\" class=\"attachment-medium size-medium\" alt=\"\" srcset=\"https:\/\/i0.wp.com\/itayachtscanada.com\/wp-content\/uploads\/2025\/07\/Capture-decran-le-2025-07-22-a-13.59.47-1.jpg?w=1406&amp;ssl=1 1406w, https:\/\/i0.wp.com\/itayachtscanada.com\/wp-content\/uploads\/2025\/07\/Capture-decran-le-2025-07-22-a-13.59.47-1.jpg?resize=300%2C199&amp;ssl=1 300w, https:\/\/i0.wp.com\/itayachtscanada.com\/wp-content\/uploads\/2025\/07\/Capture-decran-le-2025-07-22-a-13.59.47-1.jpg?resize=1024%2C680&amp;ssl=1 1024w, https:\/\/i0.wp.com\/itayachtscanada.com\/wp-content\/uploads\/2025\/07\/Capture-decran-le-2025-07-22-a-13.59.47-1.jpg?resize=768%2C510&amp;ssl=1 768w, https:\/\/i0.wp.com\/itayachtscanada.com\/wp-content\/uploads\/2025\/07\/Capture-decran-le-2025-07-22-a-13.59.47-1.jpg?resize=700%2C465&amp;ssl=1 700w, https:\/\/i0.wp.com\/itayachtscanada.com\/wp-content\/uploads\/2025\/07\/Capture-decran-le-2025-07-22-a-13.59.47-1.jpg?resize=900%2C600&amp;ssl=1 900w, https:\/\/i0.wp.com\/itayachtscanada.com\/wp-content\/uploads\/2025\/07\/Capture-decran-le-2025-07-22-a-13.59.47-1.jpg?resize=602%2C400&amp;ssl=1 602w\" sizes=\"auto, (max-width: 300px) 100vw, 300px\" data-attachment-id=\"281554\" data-permalink=\"https:\/\/itayachtscanada.com\/fr\/listing\/princess-y72-m-y-2024-4695000-usd-for-sale\/capture-decran-le-2025-07-22-a-13-59-47-2\/\" data-orig-file=\"https:\/\/i0.wp.com\/itayachtscanada.com\/wp-content\/uploads\/2025\/07\/Capture-decran-le-2025-07-22-a-13.59.47-1.jpg?fit=1406%2C934&amp;ssl=1\" data-orig-size=\"1406,934\" data-comments-opened=\"1\" data-image-meta=\"{&quot;aperture&quot;:&quot;0&quot;,&quot;credit&quot;:&quot;&quot;,&quot;camera&quot;:&quot;&quot;,&quot;caption&quot;:&quot;&quot;,&quot;created_timestamp&quot;:&quot;0&quot;,&quot;copyright&quot;:&quot;&quot;,&quot;focal_length&quot;:&quot;0&quot;,&quot;iso&quot;:&quot;0&quot;,&quot;shutter_speed&quot;:&quot;0&quot;,&quot;title&quot;:&quot;&quot;,&quot;orientation&quot;:&quot;0&quot;}\" data-image-title=\"Capture d\u2019e\u0301cran, le 2025-07-22 a\u0300 13.59.47\" data-image-description=\"\" data-image-caption=\"\" data-large-file=\"https:\/\/i0.wp.com\/itayachtscanada.com\/wp-content\/uploads\/2025\/07\/Capture-decran-le-2025-07-22-a-13.59.47-1.jpg?fit=700%2C465&amp;ssl=1\" \/><\/a>\n\t\t\t<\/div><\/figure><figure class='gallery-item'>\n\t\t\t<div class='gallery-icon landscape'>\n\t\t\t\t<a href='https:\/\/itayachtscanada.com\/fr\/listing\/princess-y72-m-y-2024-4695000-usd-for-sale\/capture-decran-le-2025-07-22-a-13-59-42-2\/'><img loading=\"lazy\" decoding=\"async\" width=\"300\" height=\"199\" src=\"https:\/\/i0.wp.com\/itayachtscanada.com\/wp-content\/uploads\/2025\/07\/Capture-decran-le-2025-07-22-a-13.59.42-1.jpg?fit=300%2C199&amp;ssl=1\" class=\"attachment-medium size-medium\" alt=\"\" srcset=\"https:\/\/i0.wp.com\/itayachtscanada.com\/wp-content\/uploads\/2025\/07\/Capture-decran-le-2025-07-22-a-13.59.42-1.jpg?w=1406&amp;ssl=1 1406w, https:\/\/i0.wp.com\/itayachtscanada.com\/wp-content\/uploads\/2025\/07\/Capture-decran-le-2025-07-22-a-13.59.42-1.jpg?resize=300%2C199&amp;ssl=1 300w, https:\/\/i0.wp.com\/itayachtscanada.com\/wp-content\/uploads\/2025\/07\/Capture-decran-le-2025-07-22-a-13.59.42-1.jpg?resize=1024%2C680&amp;ssl=1 1024w, https:\/\/i0.wp.com\/itayachtscanada.com\/wp-content\/uploads\/2025\/07\/Capture-decran-le-2025-07-22-a-13.59.42-1.jpg?resize=768%2C510&amp;ssl=1 768w, https:\/\/i0.wp.com\/itayachtscanada.com\/wp-content\/uploads\/2025\/07\/Capture-decran-le-2025-07-22-a-13.59.42-1.jpg?resize=700%2C465&amp;ssl=1 700w, https:\/\/i0.wp.com\/itayachtscanada.com\/wp-content\/uploads\/2025\/07\/Capture-decran-le-2025-07-22-a-13.59.42-1.jpg?resize=900%2C600&amp;ssl=1 900w, https:\/\/i0.wp.com\/itayachtscanada.com\/wp-content\/uploads\/2025\/07\/Capture-decran-le-2025-07-22-a-13.59.42-1.jpg?resize=602%2C400&amp;ssl=1 602w\" sizes=\"auto, (max-width: 300px) 100vw, 300px\" data-attachment-id=\"281555\" data-permalink=\"https:\/\/itayachtscanada.com\/fr\/listing\/princess-y72-m-y-2024-4695000-usd-for-sale\/capture-decran-le-2025-07-22-a-13-59-42-2\/\" data-orig-file=\"https:\/\/i0.wp.com\/itayachtscanada.com\/wp-content\/uploads\/2025\/07\/Capture-decran-le-2025-07-22-a-13.59.42-1.jpg?fit=1406%2C934&amp;ssl=1\" data-orig-size=\"1406,934\" data-comments-opened=\"1\" data-image-meta=\"{&quot;aperture&quot;:&quot;0&quot;,&quot;credit&quot;:&quot;&quot;,&quot;camera&quot;:&quot;&quot;,&quot;caption&quot;:&quot;&quot;,&quot;created_timestamp&quot;:&quot;0&quot;,&quot;copyright&quot;:&quot;&quot;,&quot;focal_length&quot;:&quot;0&quot;,&quot;iso&quot;:&quot;0&quot;,&quot;shutter_speed&quot;:&quot;0&quot;,&quot;title&quot;:&quot;&quot;,&quot;orientation&quot;:&quot;0&quot;}\" data-image-title=\"Capture d\u2019e\u0301cran, le 2025-07-22 a\u0300 13.59.42\" data-image-description=\"\" data-image-caption=\"\" data-large-file=\"https:\/\/i0.wp.com\/itayachtscanada.com\/wp-content\/uploads\/2025\/07\/Capture-decran-le-2025-07-22-a-13.59.42-1.jpg?fit=700%2C465&amp;ssl=1\" \/><\/a>\n\t\t\t<\/div><\/figure><figure class='gallery-item'>\n\t\t\t<div class='gallery-icon landscape'>\n\t\t\t\t<a href='https:\/\/itayachtscanada.com\/fr\/listing\/princess-y72-m-y-2024-4695000-usd-for-sale\/capture-decran-le-2025-07-22-a-13-59-37-2\/'><img loading=\"lazy\" decoding=\"async\" width=\"300\" height=\"199\" src=\"https:\/\/i0.wp.com\/itayachtscanada.com\/wp-content\/uploads\/2025\/07\/Capture-decran-le-2025-07-22-a-13.59.37-1.jpg?fit=300%2C199&amp;ssl=1\" class=\"attachment-medium size-medium\" alt=\"\" srcset=\"https:\/\/i0.wp.com\/itayachtscanada.com\/wp-content\/uploads\/2025\/07\/Capture-decran-le-2025-07-22-a-13.59.37-1.jpg?w=1406&amp;ssl=1 1406w, https:\/\/i0.wp.com\/itayachtscanada.com\/wp-content\/uploads\/2025\/07\/Capture-decran-le-2025-07-22-a-13.59.37-1.jpg?resize=300%2C199&amp;ssl=1 300w, https:\/\/i0.wp.com\/itayachtscanada.com\/wp-content\/uploads\/2025\/07\/Capture-decran-le-2025-07-22-a-13.59.37-1.jpg?resize=1024%2C680&amp;ssl=1 1024w, https:\/\/i0.wp.com\/itayachtscanada.com\/wp-content\/uploads\/2025\/07\/Capture-decran-le-2025-07-22-a-13.59.37-1.jpg?resize=768%2C510&amp;ssl=1 768w, https:\/\/i0.wp.com\/itayachtscanada.com\/wp-content\/uploads\/2025\/07\/Capture-decran-le-2025-07-22-a-13.59.37-1.jpg?resize=700%2C465&amp;ssl=1 700w, https:\/\/i0.wp.com\/itayachtscanada.com\/wp-content\/uploads\/2025\/07\/Capture-decran-le-2025-07-22-a-13.59.37-1.jpg?resize=900%2C600&amp;ssl=1 900w, https:\/\/i0.wp.com\/itayachtscanada.com\/wp-content\/uploads\/2025\/07\/Capture-decran-le-2025-07-22-a-13.59.37-1.jpg?resize=602%2C400&amp;ssl=1 602w\" sizes=\"auto, (max-width: 300px) 100vw, 300px\" data-attachment-id=\"281556\" data-permalink=\"https:\/\/itayachtscanada.com\/fr\/listing\/princess-y72-m-y-2024-4695000-usd-for-sale\/capture-decran-le-2025-07-22-a-13-59-37-2\/\" data-orig-file=\"https:\/\/i0.wp.com\/itayachtscanada.com\/wp-content\/uploads\/2025\/07\/Capture-decran-le-2025-07-22-a-13.59.37-1.jpg?fit=1406%2C934&amp;ssl=1\" data-orig-size=\"1406,934\" data-comments-opened=\"1\" data-image-meta=\"{&quot;aperture&quot;:&quot;0&quot;,&quot;credit&quot;:&quot;&quot;,&quot;camera&quot;:&quot;&quot;,&quot;caption&quot;:&quot;&quot;,&quot;created_timestamp&quot;:&quot;0&quot;,&quot;copyright&quot;:&quot;&quot;,&quot;focal_length&quot;:&quot;0&quot;,&quot;iso&quot;:&quot;0&quot;,&quot;shutter_speed&quot;:&quot;0&quot;,&quot;title&quot;:&quot;&quot;,&quot;orientation&quot;:&quot;0&quot;}\" data-image-title=\"Capture d\u2019e\u0301cran, le 2025-07-22 a\u0300 13.59.37\" data-image-description=\"\" data-image-caption=\"\" data-large-file=\"https:\/\/i0.wp.com\/itayachtscanada.com\/wp-content\/uploads\/2025\/07\/Capture-decran-le-2025-07-22-a-13.59.37-1.jpg?fit=700%2C465&amp;ssl=1\" \/><\/a>\n\t\t\t<\/div><\/figure><figure class='gallery-item'>\n\t\t\t<div class='gallery-icon landscape'>\n\t\t\t\t<a href='https:\/\/itayachtscanada.com\/fr\/listing\/princess-y72-m-y-2024-4695000-usd-for-sale\/capture-decran-le-2025-07-22-a-13-59-33-2\/'><img loading=\"lazy\" decoding=\"async\" width=\"300\" height=\"199\" src=\"https:\/\/i0.wp.com\/itayachtscanada.com\/wp-content\/uploads\/2025\/07\/Capture-decran-le-2025-07-22-a-13.59.33-1.jpg?fit=300%2C199&amp;ssl=1\" class=\"attachment-medium size-medium\" alt=\"\" srcset=\"https:\/\/i0.wp.com\/itayachtscanada.com\/wp-content\/uploads\/2025\/07\/Capture-decran-le-2025-07-22-a-13.59.33-1.jpg?w=1406&amp;ssl=1 1406w, https:\/\/i0.wp.com\/itayachtscanada.com\/wp-content\/uploads\/2025\/07\/Capture-decran-le-2025-07-22-a-13.59.33-1.jpg?resize=300%2C199&amp;ssl=1 300w, https:\/\/i0.wp.com\/itayachtscanada.com\/wp-content\/uploads\/2025\/07\/Capture-decran-le-2025-07-22-a-13.59.33-1.jpg?resize=1024%2C680&amp;ssl=1 1024w, https:\/\/i0.wp.com\/itayachtscanada.com\/wp-content\/uploads\/2025\/07\/Capture-decran-le-2025-07-22-a-13.59.33-1.jpg?resize=768%2C510&amp;ssl=1 768w, https:\/\/i0.wp.com\/itayachtscanada.com\/wp-content\/uploads\/2025\/07\/Capture-decran-le-2025-07-22-a-13.59.33-1.jpg?resize=700%2C465&amp;ssl=1 700w, https:\/\/i0.wp.com\/itayachtscanada.com\/wp-content\/uploads\/2025\/07\/Capture-decran-le-2025-07-22-a-13.59.33-1.jpg?resize=900%2C600&amp;ssl=1 900w, https:\/\/i0.wp.com\/itayachtscanada.com\/wp-content\/uploads\/2025\/07\/Capture-decran-le-2025-07-22-a-13.59.33-1.jpg?resize=602%2C400&amp;ssl=1 602w\" sizes=\"auto, (max-width: 300px) 100vw, 300px\" data-attachment-id=\"281557\" data-permalink=\"https:\/\/itayachtscanada.com\/fr\/listing\/princess-y72-m-y-2024-4695000-usd-for-sale\/capture-decran-le-2025-07-22-a-13-59-33-2\/\" data-orig-file=\"https:\/\/i0.wp.com\/itayachtscanada.com\/wp-content\/uploads\/2025\/07\/Capture-decran-le-2025-07-22-a-13.59.33-1.jpg?fit=1406%2C934&amp;ssl=1\" data-orig-size=\"1406,934\" data-comments-opened=\"1\" data-image-meta=\"{&quot;aperture&quot;:&quot;0&quot;,&quot;credit&quot;:&quot;&quot;,&quot;camera&quot;:&quot;&quot;,&quot;caption&quot;:&quot;&quot;,&quot;created_timestamp&quot;:&quot;0&quot;,&quot;copyright&quot;:&quot;&quot;,&quot;focal_length&quot;:&quot;0&quot;,&quot;iso&quot;:&quot;0&quot;,&quot;shutter_speed&quot;:&quot;0&quot;,&quot;title&quot;:&quot;&quot;,&quot;orientation&quot;:&quot;0&quot;}\" data-image-title=\"Capture d\u2019e\u0301cran, le 2025-07-22 a\u0300 13.59.33\" data-image-description=\"\" data-image-caption=\"\" data-large-file=\"https:\/\/i0.wp.com\/itayachtscanada.com\/wp-content\/uploads\/2025\/07\/Capture-decran-le-2025-07-22-a-13.59.33-1.jpg?fit=700%2C465&amp;ssl=1\" \/><\/a>\n\t\t\t<\/div><\/figure><figure class='gallery-item'>\n\t\t\t<div class='gallery-icon landscape'>\n\t\t\t\t<a href='https:\/\/itayachtscanada.com\/fr\/listing\/princess-y72-m-y-2024-4695000-usd-for-sale\/capture-decran-le-2025-07-22-a-13-59-29-2\/'><img loading=\"lazy\" decoding=\"async\" width=\"300\" height=\"199\" src=\"https:\/\/i0.wp.com\/itayachtscanada.com\/wp-content\/uploads\/2025\/07\/Capture-decran-le-2025-07-22-a-13.59.29-1.jpg?fit=300%2C199&amp;ssl=1\" class=\"attachment-medium size-medium\" alt=\"\" srcset=\"https:\/\/i0.wp.com\/itayachtscanada.com\/wp-content\/uploads\/2025\/07\/Capture-decran-le-2025-07-22-a-13.59.29-1.jpg?w=1406&amp;ssl=1 1406w, https:\/\/i0.wp.com\/itayachtscanada.com\/wp-content\/uploads\/2025\/07\/Capture-decran-le-2025-07-22-a-13.59.29-1.jpg?resize=300%2C199&amp;ssl=1 300w, https:\/\/i0.wp.com\/itayachtscanada.com\/wp-content\/uploads\/2025\/07\/Capture-decran-le-2025-07-22-a-13.59.29-1.jpg?resize=1024%2C680&amp;ssl=1 1024w, https:\/\/i0.wp.com\/itayachtscanada.com\/wp-content\/uploads\/2025\/07\/Capture-decran-le-2025-07-22-a-13.59.29-1.jpg?resize=768%2C510&amp;ssl=1 768w, https:\/\/i0.wp.com\/itayachtscanada.com\/wp-content\/uploads\/2025\/07\/Capture-decran-le-2025-07-22-a-13.59.29-1.jpg?resize=700%2C465&amp;ssl=1 700w, https:\/\/i0.wp.com\/itayachtscanada.com\/wp-content\/uploads\/2025\/07\/Capture-decran-le-2025-07-22-a-13.59.29-1.jpg?resize=900%2C600&amp;ssl=1 900w, https:\/\/i0.wp.com\/itayachtscanada.com\/wp-content\/uploads\/2025\/07\/Capture-decran-le-2025-07-22-a-13.59.29-1.jpg?resize=602%2C400&amp;ssl=1 602w\" sizes=\"auto, (max-width: 300px) 100vw, 300px\" data-attachment-id=\"281558\" data-permalink=\"https:\/\/itayachtscanada.com\/fr\/listing\/princess-y72-m-y-2024-4695000-usd-for-sale\/capture-decran-le-2025-07-22-a-13-59-29-2\/\" data-orig-file=\"https:\/\/i0.wp.com\/itayachtscanada.com\/wp-content\/uploads\/2025\/07\/Capture-decran-le-2025-07-22-a-13.59.29-1.jpg?fit=1406%2C934&amp;ssl=1\" data-orig-size=\"1406,934\" data-comments-opened=\"1\" data-image-meta=\"{&quot;aperture&quot;:&quot;0&quot;,&quot;credit&quot;:&quot;&quot;,&quot;camera&quot;:&quot;&quot;,&quot;caption&quot;:&quot;&quot;,&quot;created_timestamp&quot;:&quot;0&quot;,&quot;copyright&quot;:&quot;&quot;,&quot;focal_length&quot;:&quot;0&quot;,&quot;iso&quot;:&quot;0&quot;,&quot;shutter_speed&quot;:&quot;0&quot;,&quot;title&quot;:&quot;&quot;,&quot;orientation&quot;:&quot;0&quot;}\" data-image-title=\"Capture d\u2019e\u0301cran, le 2025-07-22 a\u0300 13.59.29\" data-image-description=\"\" data-image-caption=\"\" data-large-file=\"https:\/\/i0.wp.com\/itayachtscanada.com\/wp-content\/uploads\/2025\/07\/Capture-decran-le-2025-07-22-a-13.59.29-1.jpg?fit=700%2C465&amp;ssl=1\" \/><\/a>\n\t\t\t<\/div><\/figure><figure class='gallery-item'>\n\t\t\t<div class='gallery-icon landscape'>\n\t\t\t\t<a href='https:\/\/itayachtscanada.com\/fr\/listing\/princess-y72-m-y-2024-4695000-usd-for-sale\/capture-decran-le-2025-07-22-a-13-59-25-2\/'><img loading=\"lazy\" decoding=\"async\" width=\"300\" height=\"199\" src=\"https:\/\/i0.wp.com\/itayachtscanada.com\/wp-content\/uploads\/2025\/07\/Capture-decran-le-2025-07-22-a-13.59.25-1.jpg?fit=300%2C199&amp;ssl=1\" class=\"attachment-medium size-medium\" alt=\"\" srcset=\"https:\/\/i0.wp.com\/itayachtscanada.com\/wp-content\/uploads\/2025\/07\/Capture-decran-le-2025-07-22-a-13.59.25-1.jpg?w=1406&amp;ssl=1 1406w, https:\/\/i0.wp.com\/itayachtscanada.com\/wp-content\/uploads\/2025\/07\/Capture-decran-le-2025-07-22-a-13.59.25-1.jpg?resize=300%2C199&amp;ssl=1 300w, https:\/\/i0.wp.com\/itayachtscanada.com\/wp-content\/uploads\/2025\/07\/Capture-decran-le-2025-07-22-a-13.59.25-1.jpg?resize=1024%2C680&amp;ssl=1 1024w, https:\/\/i0.wp.com\/itayachtscanada.com\/wp-content\/uploads\/2025\/07\/Capture-decran-le-2025-07-22-a-13.59.25-1.jpg?resize=768%2C510&amp;ssl=1 768w, https:\/\/i0.wp.com\/itayachtscanada.com\/wp-content\/uploads\/2025\/07\/Capture-decran-le-2025-07-22-a-13.59.25-1.jpg?resize=700%2C465&amp;ssl=1 700w, https:\/\/i0.wp.com\/itayachtscanada.com\/wp-content\/uploads\/2025\/07\/Capture-decran-le-2025-07-22-a-13.59.25-1.jpg?resize=900%2C600&amp;ssl=1 900w, https:\/\/i0.wp.com\/itayachtscanada.com\/wp-content\/uploads\/2025\/07\/Capture-decran-le-2025-07-22-a-13.59.25-1.jpg?resize=602%2C400&amp;ssl=1 602w\" sizes=\"auto, (max-width: 300px) 100vw, 300px\" data-attachment-id=\"281559\" data-permalink=\"https:\/\/itayachtscanada.com\/fr\/listing\/princess-y72-m-y-2024-4695000-usd-for-sale\/capture-decran-le-2025-07-22-a-13-59-25-2\/\" data-orig-file=\"https:\/\/i0.wp.com\/itayachtscanada.com\/wp-content\/uploads\/2025\/07\/Capture-decran-le-2025-07-22-a-13.59.25-1.jpg?fit=1406%2C934&amp;ssl=1\" data-orig-size=\"1406,934\" data-comments-opened=\"1\" data-image-meta=\"{&quot;aperture&quot;:&quot;0&quot;,&quot;credit&quot;:&quot;&quot;,&quot;camera&quot;:&quot;&quot;,&quot;caption&quot;:&quot;&quot;,&quot;created_timestamp&quot;:&quot;0&quot;,&quot;copyright&quot;:&quot;&quot;,&quot;focal_length&quot;:&quot;0&quot;,&quot;iso&quot;:&quot;0&quot;,&quot;shutter_speed&quot;:&quot;0&quot;,&quot;title&quot;:&quot;&quot;,&quot;orientation&quot;:&quot;0&quot;}\" data-image-title=\"Capture d\u2019e\u0301cran, le 2025-07-22 a\u0300 13.59.25\" data-image-description=\"\" data-image-caption=\"\" data-large-file=\"https:\/\/i0.wp.com\/itayachtscanada.com\/wp-content\/uploads\/2025\/07\/Capture-decran-le-2025-07-22-a-13.59.25-1.jpg?fit=700%2C465&amp;ssl=1\" \/><\/a>\n\t\t\t<\/div><\/figure><figure class='gallery-item'>\n\t\t\t<div class='gallery-icon landscape'>\n\t\t\t\t<a href='https:\/\/itayachtscanada.com\/fr\/listing\/princess-y72-m-y-2024-4695000-usd-for-sale\/capture-decran-le-2025-07-22-a-13-59-18-2\/'><img loading=\"lazy\" decoding=\"async\" width=\"300\" height=\"199\" src=\"https:\/\/i0.wp.com\/itayachtscanada.com\/wp-content\/uploads\/2025\/07\/Capture-decran-le-2025-07-22-a-13.59.18-1.jpg?fit=300%2C199&amp;ssl=1\" class=\"attachment-medium size-medium\" alt=\"\" srcset=\"https:\/\/i0.wp.com\/itayachtscanada.com\/wp-content\/uploads\/2025\/07\/Capture-decran-le-2025-07-22-a-13.59.18-1.jpg?w=1406&amp;ssl=1 1406w, https:\/\/i0.wp.com\/itayachtscanada.com\/wp-content\/uploads\/2025\/07\/Capture-decran-le-2025-07-22-a-13.59.18-1.jpg?resize=300%2C199&amp;ssl=1 300w, https:\/\/i0.wp.com\/itayachtscanada.com\/wp-content\/uploads\/2025\/07\/Capture-decran-le-2025-07-22-a-13.59.18-1.jpg?resize=1024%2C680&amp;ssl=1 1024w, https:\/\/i0.wp.com\/itayachtscanada.com\/wp-content\/uploads\/2025\/07\/Capture-decran-le-2025-07-22-a-13.59.18-1.jpg?resize=768%2C510&amp;ssl=1 768w, https:\/\/i0.wp.com\/itayachtscanada.com\/wp-content\/uploads\/2025\/07\/Capture-decran-le-2025-07-22-a-13.59.18-1.jpg?resize=700%2C465&amp;ssl=1 700w, https:\/\/i0.wp.com\/itayachtscanada.com\/wp-content\/uploads\/2025\/07\/Capture-decran-le-2025-07-22-a-13.59.18-1.jpg?resize=900%2C600&amp;ssl=1 900w, https:\/\/i0.wp.com\/itayachtscanada.com\/wp-content\/uploads\/2025\/07\/Capture-decran-le-2025-07-22-a-13.59.18-1.jpg?resize=602%2C400&amp;ssl=1 602w\" sizes=\"auto, (max-width: 300px) 100vw, 300px\" data-attachment-id=\"281560\" data-permalink=\"https:\/\/itayachtscanada.com\/fr\/listing\/princess-y72-m-y-2024-4695000-usd-for-sale\/capture-decran-le-2025-07-22-a-13-59-18-2\/\" data-orig-file=\"https:\/\/i0.wp.com\/itayachtscanada.com\/wp-content\/uploads\/2025\/07\/Capture-decran-le-2025-07-22-a-13.59.18-1.jpg?fit=1406%2C934&amp;ssl=1\" data-orig-size=\"1406,934\" data-comments-opened=\"1\" data-image-meta=\"{&quot;aperture&quot;:&quot;0&quot;,&quot;credit&quot;:&quot;&quot;,&quot;camera&quot;:&quot;&quot;,&quot;caption&quot;:&quot;&quot;,&quot;created_timestamp&quot;:&quot;0&quot;,&quot;copyright&quot;:&quot;&quot;,&quot;focal_length&quot;:&quot;0&quot;,&quot;iso&quot;:&quot;0&quot;,&quot;shutter_speed&quot;:&quot;0&quot;,&quot;title&quot;:&quot;&quot;,&quot;orientation&quot;:&quot;0&quot;}\" data-image-title=\"Capture d\u2019e\u0301cran, le 2025-07-22 a\u0300 13.59.18\" data-image-description=\"\" data-image-caption=\"\" data-large-file=\"https:\/\/i0.wp.com\/itayachtscanada.com\/wp-content\/uploads\/2025\/07\/Capture-decran-le-2025-07-22-a-13.59.18-1.jpg?fit=700%2C465&amp;ssl=1\" \/><\/a>\n\t\t\t<\/div><\/figure><figure class='gallery-item'>\n\t\t\t<div class='gallery-icon landscape'>\n\t\t\t\t<a href='https:\/\/itayachtscanada.com\/fr\/listing\/princess-y72-m-y-2024-4695000-usd-for-sale\/capture-decran-le-2025-07-22-a-13-50-29-2\/'><img loading=\"lazy\" decoding=\"async\" width=\"300\" height=\"199\" src=\"https:\/\/i0.wp.com\/itayachtscanada.com\/wp-content\/uploads\/2025\/07\/Capture-decran-le-2025-07-22-a-13.50.29-1.jpg?fit=300%2C199&amp;ssl=1\" class=\"attachment-medium size-medium\" alt=\"\" srcset=\"https:\/\/i0.wp.com\/itayachtscanada.com\/wp-content\/uploads\/2025\/07\/Capture-decran-le-2025-07-22-a-13.50.29-1.jpg?w=1406&amp;ssl=1 1406w, https:\/\/i0.wp.com\/itayachtscanada.com\/wp-content\/uploads\/2025\/07\/Capture-decran-le-2025-07-22-a-13.50.29-1.jpg?resize=300%2C199&amp;ssl=1 300w, https:\/\/i0.wp.com\/itayachtscanada.com\/wp-content\/uploads\/2025\/07\/Capture-decran-le-2025-07-22-a-13.50.29-1.jpg?resize=1024%2C680&amp;ssl=1 1024w, https:\/\/i0.wp.com\/itayachtscanada.com\/wp-content\/uploads\/2025\/07\/Capture-decran-le-2025-07-22-a-13.50.29-1.jpg?resize=768%2C510&amp;ssl=1 768w, https:\/\/i0.wp.com\/itayachtscanada.com\/wp-content\/uploads\/2025\/07\/Capture-decran-le-2025-07-22-a-13.50.29-1.jpg?resize=700%2C465&amp;ssl=1 700w, https:\/\/i0.wp.com\/itayachtscanada.com\/wp-content\/uploads\/2025\/07\/Capture-decran-le-2025-07-22-a-13.50.29-1.jpg?resize=900%2C600&amp;ssl=1 900w, https:\/\/i0.wp.com\/itayachtscanada.com\/wp-content\/uploads\/2025\/07\/Capture-decran-le-2025-07-22-a-13.50.29-1.jpg?resize=602%2C400&amp;ssl=1 602w\" sizes=\"auto, (max-width: 300px) 100vw, 300px\" data-attachment-id=\"281561\" data-permalink=\"https:\/\/itayachtscanada.com\/fr\/listing\/princess-y72-m-y-2024-4695000-usd-for-sale\/capture-decran-le-2025-07-22-a-13-50-29-2\/\" data-orig-file=\"https:\/\/i0.wp.com\/itayachtscanada.com\/wp-content\/uploads\/2025\/07\/Capture-decran-le-2025-07-22-a-13.50.29-1.jpg?fit=1406%2C934&amp;ssl=1\" data-orig-size=\"1406,934\" data-comments-opened=\"1\" data-image-meta=\"{&quot;aperture&quot;:&quot;0&quot;,&quot;credit&quot;:&quot;&quot;,&quot;camera&quot;:&quot;&quot;,&quot;caption&quot;:&quot;&quot;,&quot;created_timestamp&quot;:&quot;0&quot;,&quot;copyright&quot;:&quot;&quot;,&quot;focal_length&quot;:&quot;0&quot;,&quot;iso&quot;:&quot;0&quot;,&quot;shutter_speed&quot;:&quot;0&quot;,&quot;title&quot;:&quot;&quot;,&quot;orientation&quot;:&quot;0&quot;}\" data-image-title=\"Capture d\u2019e\u0301cran, le 2025-07-22 a\u0300 13.50.29\" data-image-description=\"\" data-image-caption=\"\" data-large-file=\"https:\/\/i0.wp.com\/itayachtscanada.com\/wp-content\/uploads\/2025\/07\/Capture-decran-le-2025-07-22-a-13.50.29-1.jpg?fit=700%2C465&amp;ssl=1\" \/><\/a>\n\t\t\t<\/div><\/figure><figure class='gallery-item'>\n\t\t\t<div class='gallery-icon landscape'>\n\t\t\t\t<a href='https:\/\/itayachtscanada.com\/fr\/listing\/princess-y72-m-y-2024-4695000-usd-for-sale\/capture-decran-le-2025-07-22-a-13-50-26-2\/'><img loading=\"lazy\" decoding=\"async\" width=\"300\" height=\"199\" src=\"https:\/\/i0.wp.com\/itayachtscanada.com\/wp-content\/uploads\/2025\/07\/Capture-decran-le-2025-07-22-a-13.50.26-1.jpg?fit=300%2C199&amp;ssl=1\" class=\"attachment-medium size-medium\" alt=\"\" srcset=\"https:\/\/i0.wp.com\/itayachtscanada.com\/wp-content\/uploads\/2025\/07\/Capture-decran-le-2025-07-22-a-13.50.26-1.jpg?w=1406&amp;ssl=1 1406w, https:\/\/i0.wp.com\/itayachtscanada.com\/wp-content\/uploads\/2025\/07\/Capture-decran-le-2025-07-22-a-13.50.26-1.jpg?resize=300%2C199&amp;ssl=1 300w, https:\/\/i0.wp.com\/itayachtscanada.com\/wp-content\/uploads\/2025\/07\/Capture-decran-le-2025-07-22-a-13.50.26-1.jpg?resize=1024%2C680&amp;ssl=1 1024w, https:\/\/i0.wp.com\/itayachtscanada.com\/wp-content\/uploads\/2025\/07\/Capture-decran-le-2025-07-22-a-13.50.26-1.jpg?resize=768%2C510&amp;ssl=1 768w, https:\/\/i0.wp.com\/itayachtscanada.com\/wp-content\/uploads\/2025\/07\/Capture-decran-le-2025-07-22-a-13.50.26-1.jpg?resize=700%2C465&amp;ssl=1 700w, https:\/\/i0.wp.com\/itayachtscanada.com\/wp-content\/uploads\/2025\/07\/Capture-decran-le-2025-07-22-a-13.50.26-1.jpg?resize=900%2C600&amp;ssl=1 900w, https:\/\/i0.wp.com\/itayachtscanada.com\/wp-content\/uploads\/2025\/07\/Capture-decran-le-2025-07-22-a-13.50.26-1.jpg?resize=602%2C400&amp;ssl=1 602w\" sizes=\"auto, (max-width: 300px) 100vw, 300px\" data-attachment-id=\"281562\" data-permalink=\"https:\/\/itayachtscanada.com\/fr\/listing\/princess-y72-m-y-2024-4695000-usd-for-sale\/capture-decran-le-2025-07-22-a-13-50-26-2\/\" data-orig-file=\"https:\/\/i0.wp.com\/itayachtscanada.com\/wp-content\/uploads\/2025\/07\/Capture-decran-le-2025-07-22-a-13.50.26-1.jpg?fit=1406%2C934&amp;ssl=1\" data-orig-size=\"1406,934\" data-comments-opened=\"1\" data-image-meta=\"{&quot;aperture&quot;:&quot;0&quot;,&quot;credit&quot;:&quot;&quot;,&quot;camera&quot;:&quot;&quot;,&quot;caption&quot;:&quot;&quot;,&quot;created_timestamp&quot;:&quot;0&quot;,&quot;copyright&quot;:&quot;&quot;,&quot;focal_length&quot;:&quot;0&quot;,&quot;iso&quot;:&quot;0&quot;,&quot;shutter_speed&quot;:&quot;0&quot;,&quot;title&quot;:&quot;&quot;,&quot;orientation&quot;:&quot;0&quot;}\" data-image-title=\"Capture d\u2019e\u0301cran, le 2025-07-22 a\u0300 13.50.26\" data-image-description=\"\" data-image-caption=\"\" data-large-file=\"https:\/\/i0.wp.com\/itayachtscanada.com\/wp-content\/uploads\/2025\/07\/Capture-decran-le-2025-07-22-a-13.50.26-1.jpg?fit=700%2C465&amp;ssl=1\" \/><\/a>\n\t\t\t<\/div><\/figure><figure class='gallery-item'>\n\t\t\t<div class='gallery-icon landscape'>\n\t\t\t\t<a href='https:\/\/itayachtscanada.com\/fr\/listing\/princess-y72-m-y-2024-4695000-usd-for-sale\/capture-decran-le-2025-07-22-a-13-50-21-2\/'><img loading=\"lazy\" decoding=\"async\" width=\"300\" height=\"199\" src=\"https:\/\/i0.wp.com\/itayachtscanada.com\/wp-content\/uploads\/2025\/07\/Capture-decran-le-2025-07-22-a-13.50.21-1.jpg?fit=300%2C199&amp;ssl=1\" class=\"attachment-medium size-medium\" alt=\"\" srcset=\"https:\/\/i0.wp.com\/itayachtscanada.com\/wp-content\/uploads\/2025\/07\/Capture-decran-le-2025-07-22-a-13.50.21-1.jpg?w=1406&amp;ssl=1 1406w, https:\/\/i0.wp.com\/itayachtscanada.com\/wp-content\/uploads\/2025\/07\/Capture-decran-le-2025-07-22-a-13.50.21-1.jpg?resize=300%2C199&amp;ssl=1 300w, https:\/\/i0.wp.com\/itayachtscanada.com\/wp-content\/uploads\/2025\/07\/Capture-decran-le-2025-07-22-a-13.50.21-1.jpg?resize=1024%2C680&amp;ssl=1 1024w, https:\/\/i0.wp.com\/itayachtscanada.com\/wp-content\/uploads\/2025\/07\/Capture-decran-le-2025-07-22-a-13.50.21-1.jpg?resize=768%2C510&amp;ssl=1 768w, https:\/\/i0.wp.com\/itayachtscanada.com\/wp-content\/uploads\/2025\/07\/Capture-decran-le-2025-07-22-a-13.50.21-1.jpg?resize=700%2C465&amp;ssl=1 700w, https:\/\/i0.wp.com\/itayachtscanada.com\/wp-content\/uploads\/2025\/07\/Capture-decran-le-2025-07-22-a-13.50.21-1.jpg?resize=900%2C600&amp;ssl=1 900w, https:\/\/i0.wp.com\/itayachtscanada.com\/wp-content\/uploads\/2025\/07\/Capture-decran-le-2025-07-22-a-13.50.21-1.jpg?resize=602%2C400&amp;ssl=1 602w\" sizes=\"auto, (max-width: 300px) 100vw, 300px\" data-attachment-id=\"281563\" data-permalink=\"https:\/\/itayachtscanada.com\/fr\/listing\/princess-y72-m-y-2024-4695000-usd-for-sale\/capture-decran-le-2025-07-22-a-13-50-21-2\/\" data-orig-file=\"https:\/\/i0.wp.com\/itayachtscanada.com\/wp-content\/uploads\/2025\/07\/Capture-decran-le-2025-07-22-a-13.50.21-1.jpg?fit=1406%2C934&amp;ssl=1\" data-orig-size=\"1406,934\" data-comments-opened=\"1\" data-image-meta=\"{&quot;aperture&quot;:&quot;0&quot;,&quot;credit&quot;:&quot;&quot;,&quot;camera&quot;:&quot;&quot;,&quot;caption&quot;:&quot;&quot;,&quot;created_timestamp&quot;:&quot;0&quot;,&quot;copyright&quot;:&quot;&quot;,&quot;focal_length&quot;:&quot;0&quot;,&quot;iso&quot;:&quot;0&quot;,&quot;shutter_speed&quot;:&quot;0&quot;,&quot;title&quot;:&quot;&quot;,&quot;orientation&quot;:&quot;0&quot;}\" data-image-title=\"Capture d\u2019e\u0301cran, le 2025-07-22 a\u0300 13.50.21\" data-image-description=\"\" data-image-caption=\"\" data-large-file=\"https:\/\/i0.wp.com\/itayachtscanada.com\/wp-content\/uploads\/2025\/07\/Capture-decran-le-2025-07-22-a-13.50.21-1.jpg?fit=700%2C465&amp;ssl=1\" \/><\/a>\n\t\t\t<\/div><\/figure><figure class='gallery-item'>\n\t\t\t<div class='gallery-icon landscape'>\n\t\t\t\t<a href='https:\/\/itayachtscanada.com\/fr\/listing\/princess-y72-m-y-2024-4695000-usd-for-sale\/capture-decran-le-2025-07-22-a-13-50-08-2\/'><img loading=\"lazy\" decoding=\"async\" width=\"300\" height=\"199\" src=\"https:\/\/i0.wp.com\/itayachtscanada.com\/wp-content\/uploads\/2025\/07\/Capture-decran-le-2025-07-22-a-13.50.08-1.jpg?fit=300%2C199&amp;ssl=1\" class=\"attachment-medium size-medium\" alt=\"\" srcset=\"https:\/\/i0.wp.com\/itayachtscanada.com\/wp-content\/uploads\/2025\/07\/Capture-decran-le-2025-07-22-a-13.50.08-1.jpg?w=1406&amp;ssl=1 1406w, https:\/\/i0.wp.com\/itayachtscanada.com\/wp-content\/uploads\/2025\/07\/Capture-decran-le-2025-07-22-a-13.50.08-1.jpg?resize=300%2C199&amp;ssl=1 300w, https:\/\/i0.wp.com\/itayachtscanada.com\/wp-content\/uploads\/2025\/07\/Capture-decran-le-2025-07-22-a-13.50.08-1.jpg?resize=1024%2C680&amp;ssl=1 1024w, https:\/\/i0.wp.com\/itayachtscanada.com\/wp-content\/uploads\/2025\/07\/Capture-decran-le-2025-07-22-a-13.50.08-1.jpg?resize=768%2C510&amp;ssl=1 768w, https:\/\/i0.wp.com\/itayachtscanada.com\/wp-content\/uploads\/2025\/07\/Capture-decran-le-2025-07-22-a-13.50.08-1.jpg?resize=700%2C465&amp;ssl=1 700w, https:\/\/i0.wp.com\/itayachtscanada.com\/wp-content\/uploads\/2025\/07\/Capture-decran-le-2025-07-22-a-13.50.08-1.jpg?resize=900%2C600&amp;ssl=1 900w, https:\/\/i0.wp.com\/itayachtscanada.com\/wp-content\/uploads\/2025\/07\/Capture-decran-le-2025-07-22-a-13.50.08-1.jpg?resize=602%2C400&amp;ssl=1 602w\" sizes=\"auto, (max-width: 300px) 100vw, 300px\" data-attachment-id=\"281564\" data-permalink=\"https:\/\/itayachtscanada.com\/fr\/listing\/princess-y72-m-y-2024-4695000-usd-for-sale\/capture-decran-le-2025-07-22-a-13-50-08-2\/\" data-orig-file=\"https:\/\/i0.wp.com\/itayachtscanada.com\/wp-content\/uploads\/2025\/07\/Capture-decran-le-2025-07-22-a-13.50.08-1.jpg?fit=1406%2C934&amp;ssl=1\" data-orig-size=\"1406,934\" data-comments-opened=\"1\" data-image-meta=\"{&quot;aperture&quot;:&quot;0&quot;,&quot;credit&quot;:&quot;&quot;,&quot;camera&quot;:&quot;&quot;,&quot;caption&quot;:&quot;&quot;,&quot;created_timestamp&quot;:&quot;0&quot;,&quot;copyright&quot;:&quot;&quot;,&quot;focal_length&quot;:&quot;0&quot;,&quot;iso&quot;:&quot;0&quot;,&quot;shutter_speed&quot;:&quot;0&quot;,&quot;title&quot;:&quot;&quot;,&quot;orientation&quot;:&quot;0&quot;}\" data-image-title=\"Capture d\u2019e\u0301cran, le 2025-07-22 a\u0300 13.50.08\" data-image-description=\"\" data-image-caption=\"\" data-large-file=\"https:\/\/i0.wp.com\/itayachtscanada.com\/wp-content\/uploads\/2025\/07\/Capture-decran-le-2025-07-22-a-13.50.08-1.jpg?fit=700%2C465&amp;ssl=1\" \/><\/a>\n\t\t\t<\/div><\/figure>\n\t\t<\/div>\n\n<div class=\"jetpack-video-wrapper\"><span class=\"embed-youtube\" style=\"text-align:center; display: block;\"><iframe loading=\"lazy\" class=\"youtube-player\" width=\"700\" height=\"394\" src=\"https:\/\/www.youtube.com\/embed\/AQuh-PXRR18?version=3&#038;rel=1&#038;showsearch=0&#038;showinfo=1&#038;iv_load_policy=1&#038;fs=1&#038;hl=fr-FR&#038;autohide=2&#038;wmode=transparent\" allowfullscreen=\"true\" style=\"border:0;\" sandbox=\"allow-scripts allow-same-origin allow-popups allow-presentation allow-popups-to-escape-sandbox\"><\/iframe><\/span><\/div>\n<div class=\"jetpack-video-wrapper\"><span class=\"embed-youtube\" style=\"text-align:center; display: block;\"><iframe loading=\"lazy\" class=\"youtube-player\" width=\"700\" height=\"394\" src=\"https:\/\/www.youtube.com\/embed\/ZIcN0RQl7vE?version=3&#038;rel=1&#038;showsearch=0&#038;showinfo=1&#038;iv_load_policy=1&#038;fs=1&#038;hl=fr-FR&#038;autohide=2&#038;wmode=transparent\" allowfullscreen=\"true\" style=\"border:0;\" sandbox=\"allow-scripts allow-same-origin allow-popups allow-presentation allow-popups-to-escape-sandbox\"><\/iframe><\/span><\/div>\n<div class=\"jetpack-video-wrapper\"><span class=\"embed-youtube\" style=\"text-align:center; display: block;\"><iframe loading=\"lazy\" class=\"youtube-player\" width=\"700\" height=\"394\" src=\"https:\/\/www.youtube.com\/embed\/xCjwnlncCGg?version=3&#038;rel=1&#038;showsearch=0&#038;showinfo=1&#038;iv_load_policy=1&#038;fs=1&#038;hl=fr-FR&#038;autohide=2&#038;wmode=transparent\" allowfullscreen=\"true\" style=\"border:0;\" sandbox=\"allow-scripts allow-same-origin allow-popups allow-presentation allow-popups-to-escape-sandbox\"><\/iframe><\/span><\/div>\n<\/div>\n<div><\/div>\n<div>\n<p><strong>\u00a0<\/strong><\/p>\n<p>&nbsp;<\/p>\n<p><strong>Ita Yachts Canada propose de vous assister et de voir \u00e0 vos int\u00e9r\u00eats pour l\u2019achat de ce yacht qui est \u00e0 vendre par une autre organisation. Nous serons pr\u00e9sents lors de l\u2019inspection et tout au long de la transaction et ce peu importe sa localisation. L\u2019\u00e9quipe d\u2019Ita Yachts Canada se soumet au plus haut standard d\u2019\u00e9thique.<\/strong><\/p>\n<p>&nbsp;<\/p>\n<\/div>\n<\/div>\n<\/div>\n<\/div>\n<\/div>\n<\/div>\n<\/div>\n<\/div>\n<\/div>\n<p>LES CARACT\u00c9RISTIQUES PRINCIPALES SONT LES SUIVANTES :<\/p>\n<p>Deux moteurs MAN V12 de 1650 CV avec garantie prolong\u00e9e jusqu&rsquo;au 9\/4\/2029 ou 2500 heures<br \/>\nG\u00e9n\u00e9rateur Onan de 29 kW avec garantie prolong\u00e9e jusqu&rsquo;au 9\/4\/29 ou 3000 heures.<br \/>\nStabilisation Sleipner Vector Fin pour le confort en route et \u00e0 vitesse nulle<br \/>\nSuite \u00e9lectronique Garmin avec radar et syst\u00e8me de cam\u00e9ra Garmin Surround View<br \/>\nYacht Controller<br \/>\nToit rigide avec toit ouvrant \u00e9lectrique et store \u00e9lectrique pour le pont arri\u00e8re<br \/>\nEnceinte en polycarbonate sur mesure pour le flybridge<br \/>\nPlate-forme de bain hydraulique<br \/>\nSyst\u00e8me de d\u00e9sossage avec surveillance et commandes int\u00e9gr\u00e9es pour les syst\u00e8mes de bord<br \/>\nPropulseurs hydrauliques d&rsquo;\u00e9trave et de poupe \u00e0 vitesse variable<br \/>\nCombin\u00e9 dessalinisateur Spot Zero<br \/>\nR\u00e9servoir de carburant suppl\u00e9mentaire \u00e0 longue port\u00e9e (211 US gal)<br \/>\nInternet par satellite Starlink et syst\u00e8me Wi- Fi \u00e0 bord Multi-zones Naim Unaim, un syst\u00e8me d&rsquo;alimentation en eau potable et un syst\u00e8me d&rsquo;alimentation en eau potable. Fi \u00e0 bord<br \/>\nSyst\u00e8me audio haut de gamme Naim Uniti multizone avec t\u00e9l\u00e9viseurs 4K UHD dans tous les espaces invit\u00e9s<br \/>\nInt\u00e9rieur luxueux en noyer avec comptoirs de salle de bain et de cuisine \u00e0 surface solide<br \/>\nLave-vaisselle dans la cuisine<br \/>\nCabine d&rsquo;\u00e9quipage avec climatisation et tiroirs de r\u00e9frig\u00e9ration\/cong\u00e9lation<br \/>\nQuatri\u00e8me cabine\/bureau convertible avec r\u00e9frig\u00e9rateur suppl\u00e9mentaire dans la penderie<br \/>\nSyst\u00e8me d&rsquo;\u00e9clairage sous-marin am\u00e9lior\u00e9 (6 lampes Lumishore EOS TIX803 \u00e0 changement de couleur) Cam\u00e9ra thermique FLIR, cam\u00e9ra thermique et syst\u00e8me de surveillance. changeant de couleur)<br \/>\nCam\u00e9ra thermique FLIR pour une s\u00e9curit\u00e9 accrue et une navigation de nuit<br \/>\nStores \u00e9lectriques dans le salon<br \/>\nTapis pour le salon et les escaliers<br \/>\nFinition satin\u00e9e du cockpit, flybridge et tables de proue<br \/>\n\u00c9clairage ext\u00e9rieur et int\u00e9rieur avec LED lin\u00e9aires et accents en fibre optique<br \/>\nDouche de tableau arri\u00e8re avec poteaux en carbone<br \/>\nTaud de soleil de proue avec poteaux en carbone<\/p>\n<p>Lave-linge et s\u00e8che-linge s\u00e9par\u00e9s situ\u00e9s dans la descente<br \/>\nDeux transformateurs IsoBoost<br \/>\nUn seul c\u00e2ble d&rsquo;alimentation \u00e0 quai de 100 amp\u00e8res au lieu de deux c\u00e2bles de 50 amp\u00e8res<\/p>\n<p>&nbsp;<\/p>\n<p>Moteurs et transmission<br \/>\nDeux moteurs MAN V12 de 1650 CV<br \/>\nChangeur d&rsquo;huile pour les moteurs, les transmissions et le g\u00e9n\u00e9rateur<br \/>\nCommandes du troisi\u00e8me poste dans le cockpit (commandes du moteur, des propulseurs et arr\u00eats d&rsquo;urgence du moteur)<br \/>\nR\u00e9servoir suppl\u00e9mentaire de carburant longue distance (211 US gals)<br \/>\nG\u00e9n\u00e9rateur<br \/>\nG\u00e9n\u00e9rateur primaire Onan 29 kW \/ 60 Hz<br \/>\nHydraulique<br \/>\nSyst\u00e8me hydraulique compos\u00e9 de pompes hydrauliques s\u00e9par\u00e9es entra\u00een\u00e9es par le moteur, permettant d&rsquo;alimenter n&rsquo;importe quel syst\u00e8me avec la puissance hydraulique de l&rsquo;un ou l&rsquo;autre des moteurs. Comprend un treuil d&rsquo;ancre hydraulique, un propulseur d&rsquo;\u00e9trave hydraulique de 320 kgF (\u00e0 la place du propulseur standard), un propulseur de poupe de 240 kgF et un syst\u00e8me d&rsquo;amarrage \u00e0 fonction de cale. Le tout avec des commandes \u00e0 double station.<br \/>\nCouleur de la coque<br \/>\nLe couvercle de l&rsquo;\u00e9vent du moteur et les contreforts du rouf sont peints en noir onyx m\u00e9tallis\u00e9. La face du tableau arri\u00e8re, la ligne de style de l&rsquo;auvent, le bord d&rsquo;attaque ou l&rsquo;arceau et le plafond du cockpit sont peints en gris graphite m\u00e9tallis\u00e9.<br \/>\nLes pieds de l&rsquo;arceau radar et le mobilier ext\u00e9rieur sont peints en gris hu\u00eetre m\u00e9tallis\u00e9.<br \/>\nCoque blanche (avec ligne de flottaison gris fonc\u00e9 et antifouling noir, les d\u00e9fenses de la coque et de la plate-forme de bain sont blanches avec insert en acier inoxydable)<br \/>\nMobilier int\u00e9rieur<br \/>\nBois int\u00e9rieur en noyer satin\u00e9 (les planchers de la cuisine, de la d\u00eenette et du poste de pilotage sont en noyer \u00e0 rainures en V)<\/p>\n<p>&nbsp;<\/p>\n<p>Am\u00e9nagement<br \/>\nCabine d&rsquo;\u00e9quipage avec air conditionn\u00e9<br \/>\nCabine tribord transformable en couchette double avec m\u00e9canisme coulissant motoris\u00e9 sur la couchette int\u00e9rieure<\/p>\n<p>Cabine b\u00e2bord avec couchette\/bureau convertible<br \/>\nTabourets de bar (fix\u00e9s au pont et avec acc\u00e8s par le haut au salon avant, c\u00f4t\u00e9 b\u00e2bord)<\/p>\n<p>&nbsp;<\/p>\n<p>Cuisine<br \/>\nCuisine Avonite<br \/>\nVide-ordures<br \/>\nSalles de bains<br \/>\nLes comptoirs des salles de bains sont en Solid Surface Sylmar White (finition satin\u00e9e) avec des lavabos thermoform\u00e9s.<br \/>\nLes planchers sont en Solid Surface Carrara White (finition satin\u00e9e)<\/p>\n<p>&nbsp;<\/p>\n<p>Accastillage de pont<br \/>\nPlate-forme de tableau arri\u00e8re \u00e9lectro-hydraulique Up\/Down avec charge de travail s\u00e9curis\u00e9e de 550 kg (1212 lbs) install\u00e9e en standard.<br \/>\nToit rigide principal peint en gris graphite m\u00e9tallis\u00e9 avec des pieds en gris hu\u00eetre m\u00e9tallis\u00e9 (note : le m\u00e2t du radar et l&rsquo;\u00e9quipement de navigation sont peints en gris graphite m\u00e9tallis\u00e9) : Le m\u00e2t radar et l&rsquo;\u00e9quipement de navigation sont peints en gris fonc\u00e9 assorti)<br \/>\nTaud de soleil \u00e0 commande \u00e9lectrique \u00e0 l&rsquo;arri\u00e8re du toit rigide en maille gris anthracite<br \/>\nPortes d&#8217;embarquement lat\u00e9rales vers le cockpit<br \/>\n20 m suppl\u00e9mentaires de cha\u00eene d&rsquo;ancre de 12 mm pour un total de 80 m<br \/>\nTable basse en teck pour les si\u00e8ges du pont avant (avec point de fixation)<br \/>\nSyst\u00e8me de lavage du pont, situ\u00e9 dans le tableau arri\u00e8re, Syst\u00e8me de lavage de pont, situ\u00e9 dans les coffres du tableau arri\u00e8re, du pont avant et du flybridge<br \/>\nPrise pour la douche de tableau arri\u00e8re \u00e0 barre en carbone et prise de pont pour la plate-forme de bain<\/p>\n<p>&nbsp;<\/p>\n<p>\u00c9lectricit\u00e9<br \/>\nLave-linge et s\u00e8che-linge s\u00e9par\u00e9s situ\u00e9s dans la descente menant au VIP avant (\u00e0 la place du lave-linge\/s\u00e8che-linge combin\u00e9 standard)<br \/>\nMachine \u00e0 gla\u00e7ons dans le wetbar du flybridge<br \/>\nKit d&rsquo;am\u00e9lioration de l&rsquo;\u00e9clairage ext\u00e9rieur<br \/>\nComprend un \u00e9clairage lin\u00e9aire \u00e0 LED (x1) et \u00e0 fibre optique pour le plafond du cockpit et le pavillon, ainsi qu&rsquo;un \u00e9clairage de quai \u00e0 LED au ras du sol (x28) pour le pont avant et le pont arri\u00e8re \u00e9clairage de quai \u00e0 LED (x28)<br \/>\nKit d&rsquo;am\u00e9lioration de l&rsquo;\u00e9clairage int\u00e9rieur<br \/>\nFibres optiques suppl\u00e9mentaires (dans le salon et la salle \u00e0 manger)<br \/>\nBandeaux lumineux \u00e0 LED suppl\u00e9mentaires sur les panneaux d&rsquo;occultation &#8211; dans les emm\u00e9nagements inf\u00e9rieurs<br \/>\nRemplacer les panneaux d&rsquo;occultation standard par des panneaux d&rsquo;occultation \u00e0 LED (dans les emm\u00e9nagements inf\u00e9rieurs).<\/p>\n<p>Bandes lumineuses LED suppl\u00e9mentaires sur les panneaux d&rsquo;occultation &#8211; dans le logement inf\u00e9rieur<br \/>\nRemplacer les batteries standard par des batteries AGM<br \/>\nCam\u00e9ras CCTV (2 cam\u00e9ras fixes dans la salle des machines, 1 cam\u00e9ra panoramique\/inclinaison dans le cockpit)<br \/>\nKlaxons pneumatiques Buell IPO \u00e9lectrique<br \/>\nGlendinning Cablemaster<br \/>\nCombineur Energy Solutions et 2 transformateurs d&rsquo;isolation Energy Solutions IsoBoost2 12kVa\/50A<\/p>\n<p>&nbsp;<\/p>\n<p>Audio\/Vid\u00e9o &amp; Communications<\/p>\n<p>Le syst\u00e8me audio Premium comprend :<\/p>\n<p>Salon de pont &#8211; TV LED UHD 55&Prime; sur m\u00e9canisme de levage \u00e9lectrique<br \/>\nSyst\u00e8me audio Naim Uniti Star* &#8211; Diffusez votre musique en haute r\u00e9solution, jouez, t\u00e9l\u00e9chargez, stockez et acc\u00e9dez \u00e0 votre biblioth\u00e8que musicale ou \u00e9coutez vos stations de radio pr\u00e9f\u00e9r\u00e9es via les radios DAB et FM. Acc\u00e9dez \u00e0 un monde de musique gr\u00e2ce \u00e0 une multitude de sources de streaming et de m\u00e9dias avec des fonctions intuitives activ\u00e9es par des applications. 4 enceintes Focal 300 ICW6 et subwoofer Focal Cub Evo<br \/>\nCabine propri\u00e9taire &#8211; TV LED UHD 50&Prime;<br \/>\nSyst\u00e8me audio Naim Uniti Atom avec Bluetooth, capacit\u00e9 de streaming multizone et application d\u00e9di\u00e9e. 2 enceintes Focal 300 ICW6 et caisson de basses Focal Cub Evo<br \/>\nCabine avant &#8211; TV LED UHD 43&Prime;<br \/>\nSyst\u00e8me audio Naim Uniti Atom avec Bluetooth, capacit\u00e9 de streaming multizone et application d\u00e9di\u00e9e. 2 enceintes Focal 300 ICW6<br \/>\nCabine invit\u00e9s tribord &#8211; TV LED UHD 32&Prime;<br \/>\nSyst\u00e8me audio Naim Uniti Atom avec Bluetooth, capacit\u00e9 de streaming multizone et application d\u00e9di\u00e9e. 2 enceintes Focal 300 ICW<br \/>\nCabine invit\u00e9s b\u00e2bord &#8211; TV LED UHD 32&Prime;<br \/>\nSyst\u00e8me audio Naim Uniti Atom avec Bluetooth, capacit\u00e9 de streaming multizone et application d\u00e9di\u00e9e. 2 enceintes Focal 300 ICW6<br \/>\nFlybridge &#8211; Syst\u00e8me audio Naim Uniti Atom avec Bluetooth, capacit\u00e9 de streaming multizone et application d\u00e9di\u00e9e.<\/p>\n<p>Syst\u00e8me audio Naim Uniti Atom avec Bluetooth, capacit\u00e9 de streaming multizone et application d\u00e9di\u00e9e. 2 enceintes Focal 300 ICW6<br \/>\nFlybridge &#8211; Syst\u00e8me audio Naim Uniti Atom avec Bluetooth, capacit\u00e9 de streaming multizone et application d\u00e9di\u00e9e. JL Audio M6-650X-L (pas de connectivit\u00e9 HDMI) et caisson de basses Focal P25F avec amplificateur 1000F<br \/>\nZone de passage des si\u00e8ges du pont avant &#8211; Syst\u00e8me audio Naim Uniti Atom avec Bluetooth, capacit\u00e9 de streaming multizone et application d\u00e9di\u00e9e. JL Audio M6-650 X-L (pas de connectivit\u00e9 HDMI)<br \/>\nZone des si\u00e8ges du cockpit &#8211; Syst\u00e8me audio Naim Uniti Atom avec Bluetooth, capacit\u00e9 de streaming multizone et application d\u00e9di\u00e9e. Associ\u00e9 \u00e0 deux enceintes \u00e9tanches JL Audio M6-650X-L (pas de connectivit\u00e9 HDMI)<\/p>\n<p>&nbsp;<\/p>\n<p>Le syst\u00e8me comprend :<br \/>\nEthernet embarqu\u00e9 et capacit\u00e9 internet 4G<br \/>\nR\u00e9seau WIFI embarqu\u00e9 incorporant une antenne WIFI et 3G\/4G externe pour une port\u00e9e \u00e9tendue. Permet la connectivit\u00e9 aux r\u00e9seaux WIFI terrestres dans l&rsquo;ensemble du navire. (La connectivit\u00e9 internet mobile n\u00e9cessite une carte SIM de donn\u00e9es mobiles activ\u00e9e)<br \/>\nLe syst\u00e8me est pr\u00eat \u00e0 l&#8217;emploi avec des appareils externes via des prises HDMI\/USB\/RJ45 dans le salon et les cabines<br \/>\nCarte SD 256GB<br \/>\nChargeur onduleur combin\u00e9 install\u00e9, fournissant un transfert transparent entre les g\u00e9n\u00e9rateurs\/l&rsquo;alimentation terrestre et l&rsquo;alimentation par batterie invers\u00e9e pour le salon<br \/>\nA\/V et le r\u00e9frig\u00e9rateur de la cuisine.<br \/>\n\u00c9quipement de navigation<br \/>\n1x Garmin GPSMAP 8616xsv 16&Prime; display at main helm<br \/>\n1x Garmin GPSMAP 8616 16&Prime; display at main helm<br \/>\n2x Garmin GPSMAP 8616 16&Prime; displays at upper helm<br \/>\nRadar Garmin GMR Fantom 124 (6 kW \/ 4&prime; open array scanner)<br \/>\nInstruments multifonctions Garmin GMI20<br \/>\nPilote automatique Garmin GHP20 (double station)<br \/>\nRadio VHF Garmin VHF315<br \/>\nTranspondeur Garmin AIS 800 Classe B<\/p>\n<p>&nbsp;<\/p>\n<p>Accessoires<br \/>\n8 couverts sont fournis en standard.<\/p>\n<p>&nbsp;<\/p>\n<p>Options<br \/>\nToit rigide du flybridge en polyester arm\u00e9 de fibre de verre, avec persiennes \u00e9lectriques inclinables (\u00e9clairage LED \u00e0 intensit\u00e9 variable inclus), fini en Gelcoat blanc et pieds peints en gris hu\u00eetre m\u00e9tallis\u00e9, avec antennes \u00e0 hauteur r\u00e9duite mont\u00e9es sur le toit rigide<br \/>\nSyst\u00e8me de stabilisation Sleipner Vector Fin avec les ailerons VF800. En navigation, les ailerons sont entra\u00een\u00e9s par un moteur hydraulique aliment\u00e9 par le moteur et \u00e0 vitesse nulle par un moteur \u00e9lectrique aliment\u00e9 par un g\u00e9n\u00e9rateur.<br \/>\nEclairage sous-marin (6 Lumishore EOS TIX803 \u00e0 couleur changeante avec \u00e9cran STV2204i) &#8211; 4 install\u00e9s sur le tableau arri\u00e8re et 1 mont\u00e9 sous les fen\u00eatres de coque de la cabine principale \u00e0 b\u00e2bord et \u00e0 tribord<br \/>\nRail de flybridge en acier inoxydable \u00e0 la place du teck standard<br \/>\nElectroSea CL-990-X1. 5 Syst\u00e8me de commande Clearline<br \/>\nStores \u00e9lectriques dans le salon<br \/>\nRemplacer le canap\u00e9 par des armoires dans la cabine principale<br \/>\nAjouter des tiroirs de r\u00e9frig\u00e9ration\/cong\u00e9lation dans les quartiers d&rsquo;\u00e9quipage<br \/>\nSyst\u00e8me de cam\u00e9ra GarminSurround View<br \/>\nRemplacer la 4\u00e8me cabine par une couchette\/bureau convertible<br \/>\nRev\u00eatement en cuir ultra sur certains meubles<br \/>\nRemplacer les c\u00e2bles de 2-50 amp\u00e8res par des c\u00e2bles de 1-100 amp\u00e8res, y compris les connecteurs en Y<br \/>\nRemplacer la table basse dans le salon<br \/>\nCam\u00e9ra d&rsquo;imagerie thermique FLIR<br \/>\nTV dans les quartiers d&rsquo;\u00e9quipage<br \/>\nFinition satin\u00e9e sur le cockpit, le flybridge et les tables d&rsquo;\u00e9trave Starlink, Flybridge et tables de proue<br \/>\nStarlink<br \/>\nSondeur de p\u00eache\/B744 Transducteur<\/p>\n<p>Installer un r\u00e9frig\u00e9rateur suppl\u00e9mentaire dans le casier suspendu de la 4\u00e8me cabine<\/p>\n<p>&nbsp;<\/p>\n<p>Exclusions<br \/>\nL&rsquo;annexe et les cales de l&rsquo;annexe ne sont pas transport\u00e9es.<\/p>\n<p>&nbsp;<\/p>\n<p><strong><span style=\"color: black;\">AVIS DE NON-RESPONSABILIT\u00c9<\/span><\/strong><\/p>\n<\/div>\n<div>\n<div class=\"html-content-description\">\n<p><strong><span style=\"color: black; font-weight: normal;\">Le bateau qui est pr\u00e9sent\u00e9 sur cette page, l\u2019est uniquement \u00e0 titre d\u2019information et n\u2019est pas n\u00e9cessairement toujours disponible \u00e0 la vente et\/ou \u00e0 la location.<\/span><\/strong><span class=\"apple-converted-space\"><b><span style=\"color: black;\">\u00a0<\/span><\/b><\/span><strong><span style=\"color: black; font-weight: normal;\">Ce bateau est peut-\u00eatre offert sous r\u00e9serve, il faut v\u00e9rifier sa disponibilit\u00e9.<\/span><\/strong><span class=\"apple-converted-space\"><b><span style=\"color: black;\">\u00a0<\/span><\/b><\/span><strong><span style=\"color: black; font-weight: normal;\">\u00a0Ce document ou cette annonce n\u2019est pas contractuel. Les informations sur les bateaux affich\u00e9es dans les r\u00e9sultats ci-dessus sont pr\u00e9sent\u00e9es en toute bonne foi et, bien qu\u2019elles soient consid\u00e9r\u00e9es comme correctes, elles ne sont pas garanties. Ita Yachts Canada ne garantit pas et n\u2019assume aucune responsabilit\u00e9 l\u00e9gale ou responsabilit\u00e9 pour l\u2019exactitude, l\u2019exhaustivit\u00e9 ou l\u2019utilit\u00e9 des informations et\/ou des images affich\u00e9es, car elles peuvent ne pas \u00eatre \u00e0 jour ou encore \u00eatres des images d\u2019un bateau comparable. Toutes les informations sur les bateaux peuvent \u00eatre modifi\u00e9es sans pr\u00e9avis et sont sans garantie.<\/span><\/strong><span class=\"apple-converted-space\"><b><span style=\"color: black;\">\u00a0<\/span><\/b><\/span><strong><span style=\"color: black; font-weight: normal;\">Ce bateau est peut-\u00eatre offert par un autre courtier ouvert au co-courtage (co-brokerage).<\/span><\/strong><\/p>\n<p>&nbsp;<\/p>\n<div data-test='contact-form'\n\t\t\tid='contact-form-281456'\n\t\t\tclass='jetpack-contact-form-container '\n\t\t\tdata-wp-interactive='jetpack\/form' data-wp-context='{\"formId\":\"281456\",\"formHash\":\"d5e8158c250bf0dd7244eda14613b7d95648ed91\",\"showErrors\":false,\"errors\":[],\"fields\":[],\"isMultiStep\":false,\"useAjax\":false,\"submissionData\":null,\"formattedSubmissionData\":[],\"submissionSuccess\":false,\"submissionError\":null,\"elementId\":\"jp-form-d5e8158c250bf0dd7244eda14613b7d95648ed91\",\"isSingleInputForm\":false,\"isForcedHorizontal\":false}'\n\t\t\tdata-wp-watch--scroll-to-wrapper=\"callbacks.scrollToWrapper\"\n\t\t>\n<div class=\"contact-form-submission contact-form-ajax-submission\" data-wp-bind--aria-hidden=\"state.isSuccessMessageAriaHidden\" data-wp-class--submission-success=\"context.submissionSuccess\" id=\"contact-form-success-d5e8158c250bf0dd7244eda14613b7d95648ed91\" tabindex=\"-1\" aria-labelledby=\"contact-form-success-header-d5e8158c250bf0dd7244eda14613b7d95648ed91\"><p class=\"go-back-message\"><a class=\"link\" role=\"button\" tabindex=\"0\" data-wp-on--click=\"actions.goBack\" href=\"\/fr\/wp-json\/wp\/v2\/listing\/281456\">\u2190 Retour<\/a><\/p><h4 data-wp-bind--aria-hidden=\"state.isSuccessMessageAriaHidden\" id=\"contact-form-success-header-d5e8158c250bf0dd7244eda14613b7d95648ed91\">Merci pour votre r\u00e9ponse. \u2728<\/h4>\n\n<template data-wp-each--submission=\"context.formattedSubmissionData\">\n\t\t\t\t\t<div class=\"jetpack_forms_contact-form-success-summary\">\n\t\t\t\t\t\t<div class=\"field-name-wrapper\">\n\t\t\t\t\t\t\t<div class=\"field-type-icon\" data-wp-watch=\"callbacks.watchFieldTypeIcon\"><\/div>\n\t\t\t\t\t\t\t<div class=\"field-name\" data-wp-text=\"context.submission.label\" data-wp-bind--hidden=\"!context.submission.label\"><\/div>\n\t\t\t\t\t\t<\/div>\n\t\t\t\t\t\t<div class=\"field-value\" data-wp-text=\"context.submission.value\" data-wp-bind--hidden=\"!context.submission.showPlainValue\"><\/div>\n\t\t\t\t\t\t<a class=\"field-url\" data-wp-bind--href=\"context.submission.url\" data-wp-text=\"context.submission.value\" data-wp-bind--hidden=\"!context.submission.url\" target=\"_blank\" rel=\"noopener noreferrer\"><\/a>\n\t\t\t\t\t\t<div class=\"field-rating\" data-wp-bind--hidden=\"!context.submission.rating\" data-wp-watch=\"callbacks.watchRatingIcons\"><\/div>\n\t\t\t\t\t\t<div class=\"field-images\" data-wp-bind--hidden=\"!context.submission.images\">\n\t\t\t\t\t\t\t<template data-wp-each--image=\"context.submission.images\">\n\t\t\t\t\t\t\t\t<div class=\"field-image-option\" data-wp-class--is-empty=\"!context.image.src\">\n\t\t\t\t\t\t\t\t\t<figure class=\"field-image-option__image\" data-wp-class--is-empty=\"!context.image.src\">\n\t\t\t\t\t\t\t\t\t\t<img data-wp-bind--src=\"context.image.src\" data-wp-bind--hidden=\"!context.image.src\" \/>\n\t\t\t\t\t\t\t\t\t\t<img decoding=\"async\" src=\"data:image\/gif;base64,R0lGODlhAQABAAD\/ACwAAAAAAQABAAACADs=\" data-wp-bind--hidden=\"context.image.src\" \/>\n\t\t\t\t\t\t\t\t\t<\/figure>\n\t\t\t\t\t\t\t\t\t<div class=\"field-image-option__label-wrapper\">\n\t\t\t\t\t\t\t\t\t\t<span class=\"field-image-option__label-code\" data-wp-text=\"context.image.letterCode\"><\/span>\n\t\t\t\t\t\t\t\t\t\t<span class=\"field-image-option__label\" data-wp-text=\"context.image.label\" data-wp-bind--hidden=\"!context.image.label\"><\/span>\n\t\t\t\t\t\t\t\t\t<\/div>\n\t\t\t\t\t\t\t\t<\/div>\n\t\t\t\t\t\t\t<\/template>\n\t\t\t\t\t\t<\/div>\n\t\t\t\t\t\t<div class=\"field-files\" data-wp-bind--hidden=\"!context.submission.files\">\n\t\t\t\t\t\t\t<template data-wp-each--file=\"context.submission.files\">\n\t\t\t\t\t\t\t\t<div class=\"field-file\">\n\t\t\t\t\t\t\t\t\t<div class=\"field-file__thumbnail\" data-wp-style--background-image=\"context.file.previewUrl\" data-wp-style--mask-image=\"context.file.iconUrl\" data-wp-bind--hidden=\"!context.file.hasPreview\"><\/div>\n\t\t\t\t\t\t\t\t\t<svg class=\"field-file__icon\" data-wp-bind--hidden=\"context.file.hasPreview\" width=\"20\" height=\"20\" viewBox=\"0 0 24 24\" fill=\"none\" xmlns=\"http:\/\/www.w3.org\/2000\/svg\" aria-hidden=\"true\">\n\t\t\t\t\t\t\t\t\t\t<path d=\"M14 2H6C4.9 2 4 2.9 4 4V20C4 21.1 4.89 22 5.99 22H18C19.1 22 20 21.1 20 20V8L14 2ZM18 20H6V4H13V9H18V20Z\" fill=\"currentColor\"\/>\n\t\t\t\t\t\t\t\t\t<\/svg>\n\t\t\t\t\t\t\t\t\t<span class=\"field-file__name\" data-wp-text=\"context.file.name\"><\/span>\n\t\t\t\t\t\t\t\t\t<span class=\"field-file__size\" data-wp-text=\"context.file.size\"><\/span>\n\t\t\t\t\t\t\t\t<\/div>\n\t\t\t\t\t\t\t<\/template>\n\t\t\t\t\t\t<\/div>\n\t\t\t\t\t<\/div>\n\t\t\t\t<\/template><\/div><form action='https:\/\/itayachtscanada.com\/fr\/listing\/princess-y72-m-y-2024-4695000-usd-for-sale\/'\n\t\t\t\tid='jp-form-d5e8158c250bf0dd7244eda14613b7d95648ed91'\n\t\t\t\tmethod='post'\n\t\t\t\tclass='contact-form commentsblock jetpack-contact-form__form has-no-jetpack-form-layout' aria-label=\"{:en}Princess Y72 M\/Y 2024 $4,695,000 usd for sale{:}{:fr}Princess Y72 M\/Y 2024 $4,695,000 usd \u00e0 vendre{:}\"\n\t\t\t\tdata-wp-on--submit=\"actions.onFormSubmit\"\n\t\t\t\tdata-wp-on--reset=\"actions.onFormReset\"\n\t\t\t\tdata-wp-class--submission-success=\"context.submissionSuccess\"\n\t\t\t\tdata-wp-class--is-first-step=\"state.isFirstStep\"\n\t\t\t\tdata-wp-class--is-last-step=\"state.isLastStep\"\n\t\t\t\tdata-wp-class--is-ajax-form=\"context.useAjax\"\n\t\t\t\tnovalidate >\n<input type='hidden' name='jetpack_contact_form_jwt' value='eyJ0eXAiOiJKV1QiLCJhbGciOiJIUzI1NiJ9.eyJlbmNyeXB0ZWRfYXR0cmlidXRlcyI6ImtNWEhGS2lrQlhJbjdZblp6RUFORFFIbTVFUzlWYU02bncrN3AvMUpGYUxsdHp5VTc4OXQ5cVAxU0ZmRzdDazR6dkVDL1R3djh5bEh3MHhEWUVhb2R1cVNXcjgyRTFXNUNVbE4vSlIxdHk1cjYzQTVXZjZWK3JOSHhrcTZJTWdiUDVVT3FYU2xYanBnYnB1Z1orVkRDYkVRTEV2bzdiTng5dVQ5bnJ0MEhBR1F2S01Ea2I2Qmd0MHNRZlZNTCtPNmp0N3JqaTBJK2NicWI3S3B0b3VvRTQ0bDBqSm1RUmM4Ui81WU8yc25JeHRGN3VYRlJmVHJveGNFVExYU3Nlc2pvNEFBam5MR0FXajE0ZUJVRXhtSnV1TUxDanovbkJGOEwwb0VoM1hxSWhFVGJsNkFjVEdidjJONjhnemMva3ZsRmNkbXlZOS9WRHhxOG1wd3R3QWl3VmcwSTZqR2JyVVRJM3k5UjI1aytiZWJPRWdqOExocFhKSjRaQmxhUDlrMHVKL2lHMk5TWk14WFVkZlVjRndCNWJ5TVlyNkJmRDAyMkM4VWFOVDc2Ymw4VDN4Wkc0KzUzVGJsUW1xQzRIWno0ZFVHRWNBb2lPVENsSjlyZ0hEMm9zYzVnSlBQWWhIeFhaR0N3RlZldVVNNFE4QmtFdHhMRG1mMDR0Y3FlRE9MWkNBNWZmdEJCbDF5S2w5S0t6U3VZdWkzQjFhNnF3Q3Nma1Jwdnh3UlQ5bC81VXBjZ0ZsdGUrQnlVMWRadVovdHpiMlIrOFBlVmF0UXYveHI2NEc3OWN0WE1kMTZZdjlBYWNTNzQ1c1plQVpUWEJjWUQvRXpDQzFzdFZZZExySW0xVXNaaUtSZmNGUUYva2tndzc3YkdQQ1c1SkgrajJIZmNsTjBVank5eVRqZkpWTEZpQlBMem1HRmF3TEE0RjUvSzM4dVk3cEpub2wrWXh2eHd6V2s2Vi9ZWHVZTmtPT0lOTlgrdEFtMTBwUElLdjIwNlExL2xMeXhRa2VzcUtwSzN0U2w0OWg0V0NVVFJnVGxJelI2MWZVenh6MzJPWHVhZnF1T2d6ZmJqV2Nwb3BmVHFvcTZLNEhqa0t6REx0eVhKWEJUc3hFMUNqWEFYOUdGQUhIWU5lZzdtSzZQWFREaVZ6VlZDNkg1TWFXc3JuZGJLRERUS0xCb3pGTnZhSUdaNEQyaldySDVFL094UER1cThVZkY0TXh2ZzA5cFJDQVBJUldNUFc5Nm0zbzdqM0pOWEhWVlRhT24iLCJjb250ZW50IjoiW2NvbnRhY3QtZmllbGQgbGFiZWw9XCJOb206XCIgdHlwZT1cIm5hbWVcIiByZXF1aXJlZD1cIjFcIl1bY29udGFjdC1maWVsZCBsYWJlbD1cIkUtbWFpbFwiIHR5cGU9XCJlbWFpbFwiIHJlcXVpcmVkPVwiMVwiXVtjb250YWN0LWZpZWxkIGxhYmVsPVwiQXUgc3VqZXQgZGUgY2UgeWFjaHQ6IFwiIHR5cGU9XCJ0ZXh0XCJdW2NvbnRhY3QtZmllbGQgbGFiZWw9XCJNZXNzYWdlXCIgdHlwZT1cInRleHRhcmVhXCJdIiwiaGFzaCI6ImQ1ZTgxNThjMjUwYmYwZGQ3MjQ0ZWRhMTQ2MTNiN2Q5NTY0OGVkOTEiLCJzb3VyY2UiOnsiZW50cnlfdGl0bGUiOiJQcmluY2VzcyBZNzIgTS9ZIDIwMjQgJDQsNjk1LDAwMCB1c2QgXHUwMGUwIHZlbmRyZSIsImVudHJ5X3BhZ2UiOjEsInNvdXJjZV9pZCI6MjgxNDU2LCJzb3VyY2VfdHlwZSI6InNpbmdsZSIsInJlcXVlc3RfdXJsIjoiaHR0cHM6Ly9pdGF5YWNodHNjYW5hZGEuY29tL2ZyL3dwLWpzb24vd3AvdjIvbGlzdGluZy8yODE0NTYifSwidmVyc2lvbiI6MiwiY2lwaGVyIjoiYWVzLTI1Ni1nY20ifQ.pN5dRBK0xeCP4JorPRwFW6i4aTn-CyyX5BvzI0n6StI' \/>\n\n<div style=\"\"  data-wp-interactive=\"jetpack\/form\" data-wp-context='{\"fieldId\":\"g281456-nom\",\"fieldType\":\"name\",\"fieldLabel\":\"Nom:\",\"fieldValue\":\"\",\"fieldPlaceholder\":\"\",\"fieldIsRequired\":\"1\",\"fieldErrorMessage\":\"\",\"fieldExtra\":[],\"formHash\":\"d5e8158c250bf0dd7244eda14613b7d95648ed91\"}'  class='grunion-field-name-wrap grunion-field-wrap'  data-wp-init='callbacks.initializeField' data-wp-on--jetpack-form-reset='callbacks.initializeField' >\n<label\n\t\t\t\tfor='g281456-nom' class=\"grunion-field-label name\" >Nom:<span class=\"grunion-label-required\" aria-hidden=\"true\">(obligatoire)<\/span><\/label>\n<input\n\t\t\t\t\ttype='text'\n\t\t\t\t\tname='g281456-nom'\n\t\t\t\t\tid='g281456-nom'\n\t\t\t\t\tvalue=''\n\n\t\t\t\t\tdata-wp-bind--aria-invalid='state.fieldAriaInvalid'\n\t\t\t\t\tdata-wp-bind--value='state.getFieldValue'\n\t\t\t\t\taria-describedby='g281456-nom-text-error-message'\n\t\t\t\t\tdata-wp-on--input='actions.onFieldChange'\n\t\t\t\t\tdata-wp-on--blur='actions.onFieldBlur'\n\t\t\t\t\tdata-wp-class--has-value='state.hasFieldValue'\n\n\t\t\t\t\tclass='name  grunion-field' \n\t\t\t\t\trequired='true' aria-required='true'  \/>\n \n\t\t\t<div id=\"g281456-nom-text-error\" class=\"contact-form__input-error\" data-wp-class--has-errors=\"state.fieldHasErrors\">\n\t\t\t\t<span class=\"contact-form__warning-icon\" aria-hidden=\"true\">\n\t\t\t\t\t<svg width=\"16\" height=\"16\" viewBox=\"0 0 16 16\" fill=\"none\" xmlns=\"http:\/\/www.w3.org\/2000\/svg\">\n\t\t\t\t\t\t<path d=\"M8.50015 11.6402H7.50015V10.6402H8.50015V11.6402Z\" \/>\n\t\t\t\t\t\t<path d=\"M7.50015 9.64018H8.50015V6.30684H7.50015V9.64018Z\" \/>\n\t\t\t\t\t\t<path fill-rule=\"evenodd\" clip-rule=\"evenodd\" d=\"M6.98331 3.0947C7.42933 2.30177 8.57096 2.30177 9.01698 3.09469L13.8771 11.7349C14.3145 12.5126 13.7525 13.4735 12.8602 13.4735H3.14004C2.24774 13.4735 1.68575 12.5126 2.12321 11.7349L6.98331 3.0947ZM8.14541 3.58496C8.08169 3.47168 7.9186 3.47168 7.85488 3.58496L2.99478 12.2251C2.93229 12.3362 3.01257 12.4735 3.14004 12.4735H12.8602C12.9877 12.4735 13.068 12.3362 13.0055 12.2251L8.14541 3.58496Z\" \/>\n\t\t\t\t\t<\/svg>\n\t\t\t\t<\/span>\n\t\t\t\t<span data-wp-text=\"state.errorMessage\" id=\"g281456-nom-text-error-message\"><\/span>\n\t\t\t<\/div> \n\t<\/div>\n\n<div style=\"\"  data-wp-interactive=\"jetpack\/form\" data-wp-context='{\"fieldId\":\"g281456-email\",\"fieldType\":\"email\",\"fieldLabel\":\"E-mail\",\"fieldValue\":\"\",\"fieldPlaceholder\":\"\",\"fieldIsRequired\":\"1\",\"fieldErrorMessage\":\"\",\"fieldExtra\":[],\"formHash\":\"d5e8158c250bf0dd7244eda14613b7d95648ed91\"}'  class='grunion-field-email-wrap grunion-field-wrap'  data-wp-init='callbacks.initializeField' data-wp-on--jetpack-form-reset='callbacks.initializeField' >\n<label\n\t\t\t\tfor='g281456-email' class=\"grunion-field-label email\" >E-mail<span class=\"grunion-label-required\" aria-hidden=\"true\">(obligatoire)<\/span><\/label>\n<input\n\t\t\t\t\ttype='email'\n\t\t\t\t\tname='g281456-email'\n\t\t\t\t\tid='g281456-email'\n\t\t\t\t\tvalue=''\n\n\t\t\t\t\tdata-wp-bind--aria-invalid='state.fieldAriaInvalid'\n\t\t\t\t\tdata-wp-bind--value='state.getFieldValue'\n\t\t\t\t\taria-describedby='g281456-email-email-error-message'\n\t\t\t\t\tdata-wp-on--input='actions.onFieldChange'\n\t\t\t\t\tdata-wp-on--blur='actions.onFieldBlur'\n\t\t\t\t\tdata-wp-class--has-value='state.hasFieldValue'\n\n\t\t\t\t\tclass='email  grunion-field' \n\t\t\t\t\trequired='true' aria-required='true'  \/>\n \n\t\t\t<div id=\"g281456-email-email-error\" class=\"contact-form__input-error\" data-wp-class--has-errors=\"state.fieldHasErrors\">\n\t\t\t\t<span class=\"contact-form__warning-icon\" aria-hidden=\"true\">\n\t\t\t\t\t<svg width=\"16\" height=\"16\" viewBox=\"0 0 16 16\" fill=\"none\" xmlns=\"http:\/\/www.w3.org\/2000\/svg\">\n\t\t\t\t\t\t<path d=\"M8.50015 11.6402H7.50015V10.6402H8.50015V11.6402Z\" \/>\n\t\t\t\t\t\t<path d=\"M7.50015 9.64018H8.50015V6.30684H7.50015V9.64018Z\" \/>\n\t\t\t\t\t\t<path fill-rule=\"evenodd\" clip-rule=\"evenodd\" d=\"M6.98331 3.0947C7.42933 2.30177 8.57096 2.30177 9.01698 3.09469L13.8771 11.7349C14.3145 12.5126 13.7525 13.4735 12.8602 13.4735H3.14004C2.24774 13.4735 1.68575 12.5126 2.12321 11.7349L6.98331 3.0947ZM8.14541 3.58496C8.08169 3.47168 7.9186 3.47168 7.85488 3.58496L2.99478 12.2251C2.93229 12.3362 3.01257 12.4735 3.14004 12.4735H12.8602C12.9877 12.4735 13.068 12.3362 13.0055 12.2251L8.14541 3.58496Z\" \/>\n\t\t\t\t\t<\/svg>\n\t\t\t\t<\/span>\n\t\t\t\t<span data-wp-text=\"state.errorMessage\" id=\"g281456-email-email-error-message\"><\/span>\n\t\t\t<\/div> \n\t<\/div>\n\n<div style=\"\"  data-wp-interactive=\"jetpack\/form\" data-wp-context='{\"fieldId\":\"g281456-ausujetdeceyacht\",\"fieldType\":\"text\",\"fieldLabel\":\"Au sujet de ce yacht: \",\"fieldValue\":\"\",\"fieldPlaceholder\":\"\",\"fieldIsRequired\":\"\",\"fieldErrorMessage\":\"\",\"fieldExtra\":[],\"formHash\":\"d5e8158c250bf0dd7244eda14613b7d95648ed91\"}'  class='grunion-field-text-wrap grunion-field-wrap'  data-wp-init='callbacks.initializeField' data-wp-on--jetpack-form-reset='callbacks.initializeField' >\n<label\n\t\t\t\tfor='g281456-ausujetdeceyacht' class=\"grunion-field-label text\" >Au sujet de ce yacht: <\/label>\n<input\n\t\t\t\t\ttype='text'\n\t\t\t\t\tname='g281456-ausujetdeceyacht'\n\t\t\t\t\tid='g281456-ausujetdeceyacht'\n\t\t\t\t\tvalue=''\n\n\t\t\t\t\tdata-wp-bind--aria-invalid='state.fieldAriaInvalid'\n\t\t\t\t\tdata-wp-bind--value='state.getFieldValue'\n\t\t\t\t\taria-describedby='g281456-ausujetdeceyacht-text-error-message'\n\t\t\t\t\tdata-wp-on--input='actions.onFieldChange'\n\t\t\t\t\tdata-wp-on--blur='actions.onFieldBlur'\n\t\t\t\t\tdata-wp-class--has-value='state.hasFieldValue'\n\n\t\t\t\t\tclass='text  grunion-field' \n\t\t\t\t\t \/>\n \n\t\t\t<div id=\"g281456-ausujetdeceyacht-text-error\" class=\"contact-form__input-error\" data-wp-class--has-errors=\"state.fieldHasErrors\">\n\t\t\t\t<span class=\"contact-form__warning-icon\" aria-hidden=\"true\">\n\t\t\t\t\t<svg width=\"16\" height=\"16\" viewBox=\"0 0 16 16\" fill=\"none\" xmlns=\"http:\/\/www.w3.org\/2000\/svg\">\n\t\t\t\t\t\t<path d=\"M8.50015 11.6402H7.50015V10.6402H8.50015V11.6402Z\" \/>\n\t\t\t\t\t\t<path d=\"M7.50015 9.64018H8.50015V6.30684H7.50015V9.64018Z\" \/>\n\t\t\t\t\t\t<path fill-rule=\"evenodd\" clip-rule=\"evenodd\" d=\"M6.98331 3.0947C7.42933 2.30177 8.57096 2.30177 9.01698 3.09469L13.8771 11.7349C14.3145 12.5126 13.7525 13.4735 12.8602 13.4735H3.14004C2.24774 13.4735 1.68575 12.5126 2.12321 11.7349L6.98331 3.0947ZM8.14541 3.58496C8.08169 3.47168 7.9186 3.47168 7.85488 3.58496L2.99478 12.2251C2.93229 12.3362 3.01257 12.4735 3.14004 12.4735H12.8602C12.9877 12.4735 13.068 12.3362 13.0055 12.2251L8.14541 3.58496Z\" \/>\n\t\t\t\t\t<\/svg>\n\t\t\t\t<\/span>\n\t\t\t\t<span data-wp-text=\"state.errorMessage\" id=\"g281456-ausujetdeceyacht-text-error-message\"><\/span>\n\t\t\t<\/div> \n\t<\/div>\n\n<div style=\"\"  data-wp-interactive=\"jetpack\/form\" data-wp-context='{\"fieldId\":\"g281456-message\",\"fieldType\":\"textarea\",\"fieldLabel\":\"Message\",\"fieldValue\":\"\",\"fieldPlaceholder\":\"\",\"fieldIsRequired\":\"\",\"fieldErrorMessage\":\"\",\"fieldExtra\":[],\"formHash\":\"d5e8158c250bf0dd7244eda14613b7d95648ed91\"}'  class='grunion-field-textarea-wrap grunion-field-wrap'  data-wp-init='callbacks.initializeField' data-wp-on--jetpack-form-reset='callbacks.initializeField' >\n<label\n\t\t\t\tfor='contact-form-comment-g281456-message' class=\"grunion-field-label textarea\" >Message<\/label>\n<textarea\n\t\t                style=''\n\t\t                name='g281456-message'\n\t\t                id='contact-form-comment-g281456-message'\n\t\t                rows='20'\n\t\t\t\t\t\tdata-wp-text='state.getFieldValue'\n\t\t\t\t\t\tdata-wp-on--input='actions.onFieldChange'\n\t\t\t\t\t\tdata-wp-on--blur='actions.onFieldBlur'\n\t\t\t\t\t\tdata-wp-class--has-value='state.hasFieldValue'\n\t\t\t\t\t\taria-describedby='g281456-message-textarea-error-message'\n\t\t\t\t\t\tdata-wp-bind--aria-invalid='state.fieldAriaInvalid'\n\t\t\t\t\t\tclass='textarea  grunion-field'  ><\/textarea>\n \n\t\t\t<div id=\"g281456-message-textarea-error\" class=\"contact-form__input-error\" data-wp-class--has-errors=\"state.fieldHasErrors\">\n\t\t\t\t<span class=\"contact-form__warning-icon\" aria-hidden=\"true\">\n\t\t\t\t\t<svg width=\"16\" height=\"16\" viewBox=\"0 0 16 16\" fill=\"none\" xmlns=\"http:\/\/www.w3.org\/2000\/svg\">\n\t\t\t\t\t\t<path d=\"M8.50015 11.6402H7.50015V10.6402H8.50015V11.6402Z\" \/>\n\t\t\t\t\t\t<path d=\"M7.50015 9.64018H8.50015V6.30684H7.50015V9.64018Z\" \/>\n\t\t\t\t\t\t<path fill-rule=\"evenodd\" clip-rule=\"evenodd\" d=\"M6.98331 3.0947C7.42933 2.30177 8.57096 2.30177 9.01698 3.09469L13.8771 11.7349C14.3145 12.5126 13.7525 13.4735 12.8602 13.4735H3.14004C2.24774 13.4735 1.68575 12.5126 2.12321 11.7349L6.98331 3.0947ZM8.14541 3.58496C8.08169 3.47168 7.9186 3.47168 7.85488 3.58496L2.99478 12.2251C2.93229 12.3362 3.01257 12.4735 3.14004 12.4735H12.8602C12.9877 12.4735 13.068 12.3362 13.0055 12.2251L8.14541 3.58496Z\" \/>\n\t\t\t\t\t<\/svg>\n\t\t\t\t<\/span>\n\t\t\t\t<span data-wp-text=\"state.errorMessage\" id=\"g281456-message-textarea-error-message\"><\/span>\n\t\t\t<\/div>\n\t<\/div>\n\t<p class='contact-submit'>\n<div class=\"contact-form__error\" data-wp-class--show-errors=\"state.showFormErrors\"><span class=\"contact-form__warning-icon\" aria-hidden=\"true\"><i><\/i><\/span><span class=\"contact-form__error-message\" tabindex=\"-1\" data-wp-watch=\"callbacks.focusOnValidationError\" data-wp-text=\"state.getFormErrorMessage\"><\/span><ul aria-label=\"Erreurs de formulaire\">\n\t\t\t\t<template data-wp-each=\"state.getErrorList\" data-wp-key=\"context.item.id\">\n\t\t\t\t\t<li><a data-wp-bind--href=\"context.item.anchor\" data-wp-on--click=\"actions.scrollIntoView\" data-wp-text=\"context.item.label\"><\/a><\/li>\n\t\t\t\t<\/template>\n\t\t\t\t<\/ul><\/div><div class=\"contact-form__error\" data-wp-class--show-errors=\"state.showSubmissionError\" data-wp-text=\"context.submissionError\" tabindex=\"-1\" data-wp-watch=\"callbacks.focusOnSubmissionError\"><\/div>\t\t<button type='submit' class='pushbutton-wide'>Envoyer<\/button>\t\t<input type='hidden' name='contact-form-id' value='281456' \/>\n\t\t<input type='hidden' name='action' value='grunion-contact-form' \/>\n\t\t<input type='hidden' name='contact-form-hash' value='d5e8158c250bf0dd7244eda14613b7d95648ed91' \/>\n\t<\/p>\n<p style=\"display: none !important;\" class=\"akismet-fields-container\" data-prefix=\"ak_\"><label>&#916;<textarea name=\"ak_hp_textarea\" cols=\"45\" rows=\"8\" maxlength=\"100\"><\/textarea><\/label><input type=\"hidden\" id=\"ak_js_1\" name=\"ak_js\" value=\"76\"\/><script type=\"text\/javascript\">\n\/* <![CDATA[ *\/\ndocument.getElementById( \"ak_js_1\" ).setAttribute( \"value\", ( new Date() ).getTime() );\n\/* ]]> *\/\n<\/script>\n<\/p><\/form>\n<\/div>\n<p>&nbsp;<\/p>\n<p>&nbsp;<\/p>\n<\/div>\n<\/div>\n","protected":false},"excerpt":{"rendered":"<p>OFF MARKET (pr\u00e9sentement retir\u00e9 de la vente) Princess Y72 M\/Y 2024 $4,695,000 usd \u00e0 vendre 2024 Princess Y72 \u00ab Sea-Quel \u00bb est un bateau qui se d\u00e9marque dans sa cat\u00e9gorie, mettant en valeur le savoir-faire britannique, la pr\u00e9cision de l&rsquo;ing\u00e9nierie et la sophistication du design qui d\u00e9finissent le pedigree de Princess Yachts. Il s&rsquo;agit d&rsquo;un &hellip; <a href=\"https:\/\/itayachtscanada.com\/fr\/listing\/princess-y72-m-y-2024-4695000-usd-for-sale\/\" class=\"more-link\">Lire la suite <span class=\"screen-reader-text\">Princess Y72 M\/Y 2024 $4,695,000 usd \u00e0 vendre<\/span> <span class=\"meta-nav\">&rarr;<\/span><\/a><\/p>\n","protected":false},"author":119081455,"featured_media":281471,"parent":0,"menu_order":0,"comment_status":"open","ping_status":"open","template":"","format":"standard","meta":{"_coblocks_attr":"","_coblocks_dimensions":"","_coblocks_responsive_height":"","_coblocks_accordion_ie_support":"","_lmt_disableupdate":"no","_lmt_disable":"no","advanced_seo_description":"","jetpack_seo_html_title":"","jetpack_seo_noindex":false,"footnotes":""},"manufacturer":[6429],"prix":[6858],"years":[7656],"length_feet":[6589],"boat_type":[6464],"price_range":[6581],"localisations":[],"numyacht":[11222,10534,11114],"datevente":[9611,10645,10862,11113,11221],"country":[10755],"states":[10770],"city":[10870],"fresh-water-boat":[10809],"broker":[10943],"migration":[10888],"class_list":["post-281456","listing","type-listing","status-publish","format-standard","has-post-thumbnail","hentry","manufacturer-princess","prix-6858","years-7656","length_feet-between-70-and-79-feets","boat_type-flybridge","price_range-3000000-4999999","numyacht-11222","numyacht-10534","numyacht-11114","datevente-2024-07-22","datevente-2025-09-17","datevente-2025-11-13","datevente-2026-01-11","datevente-2026-03-10","country-united-states","states-floride","city-marco-island","fresh-water-boat-non","broker-denison","migration-non"],"translation":{"provider":"WPGlobus","version":"2.12.2","language":"fr","enabled_languages":["en","fr"],"languages":{"en":{"title":true,"content":true,"excerpt":false},"fr":{"title":true,"content":true,"excerpt":false}}},"jetpack_likes_enabled":true,"jetpack_sharing_enabled":true,"_links":{"self":[{"href":"https:\/\/itayachtscanada.com\/fr\/wp-json\/wp\/v2\/listing\/281456","targetHints":{"allow":["GET"]}}],"collection":[{"href":"https:\/\/itayachtscanada.com\/fr\/wp-json\/wp\/v2\/listing"}],"about":[{"href":"https:\/\/itayachtscanada.com\/fr\/wp-json\/wp\/v2\/types\/listing"}],"author":[{"embeddable":true,"href":"https:\/\/itayachtscanada.com\/fr\/wp-json\/wp\/v2\/users\/119081455"}],"replies":[{"embeddable":true,"href":"https:\/\/itayachtscanada.com\/fr\/wp-json\/wp\/v2\/comments?post=281456"}],"version-history":[{"count":17,"href":"https:\/\/itayachtscanada.com\/fr\/wp-json\/wp\/v2\/listing\/281456\/revisions"}],"predecessor-version":[{"id":300183,"href":"https:\/\/itayachtscanada.com\/fr\/wp-json\/wp\/v2\/listing\/281456\/revisions\/300183"}],"wp:featuredmedia":[{"embeddable":true,"href":"https:\/\/itayachtscanada.com\/fr\/wp-json\/wp\/v2\/media\/281471"}],"wp:attachment":[{"href":"https:\/\/itayachtscanada.com\/fr\/wp-json\/wp\/v2\/media?parent=281456"}],"wp:term":[{"taxonomy":"manufacturer","embeddable":true,"href":"https:\/\/itayachtscanada.com\/fr\/wp-json\/wp\/v2\/manufacturer?post=281456"},{"taxonomy":"prix","embeddable":true,"href":"https:\/\/itayachtscanada.com\/fr\/wp-json\/wp\/v2\/prix?post=281456"},{"taxonomy":"years","embeddable":true,"href":"https:\/\/itayachtscanada.com\/fr\/wp-json\/wp\/v2\/years?post=281456"},{"taxonomy":"length_feet","embeddable":true,"href":"https:\/\/itayachtscanada.com\/fr\/wp-json\/wp\/v2\/length_feet?post=281456"},{"taxonomy":"boat_type","embeddable":true,"href":"https:\/\/itayachtscanada.com\/fr\/wp-json\/wp\/v2\/boat_type?post=281456"},{"taxonomy":"price_range","embeddable":true,"href":"https:\/\/itayachtscanada.com\/fr\/wp-json\/wp\/v2\/price_range?post=281456"},{"taxonomy":"localisations","embeddable":true,"href":"https:\/\/itayachtscanada.com\/fr\/wp-json\/wp\/v2\/localisations?post=281456"},{"taxonomy":"numyacht","embeddable":true,"href":"https:\/\/itayachtscanada.com\/fr\/wp-json\/wp\/v2\/numyacht?post=281456"},{"taxonomy":"datevente","embeddable":true,"href":"https:\/\/itayachtscanada.com\/fr\/wp-json\/wp\/v2\/datevente?post=281456"},{"taxonomy":"country","embeddable":true,"href":"https:\/\/itayachtscanada.com\/fr\/wp-json\/wp\/v2\/country?post=281456"},{"taxonomy":"states","embeddable":true,"href":"https:\/\/itayachtscanada.com\/fr\/wp-json\/wp\/v2\/states?post=281456"},{"taxonomy":"city","embeddable":true,"href":"https:\/\/itayachtscanada.com\/fr\/wp-json\/wp\/v2\/city?post=281456"},{"taxonomy":"fresh-water-boat","embeddable":true,"href":"https:\/\/itayachtscanada.com\/fr\/wp-json\/wp\/v2\/fresh-water-boat?post=281456"},{"taxonomy":"broker","embeddable":true,"href":"https:\/\/itayachtscanada.com\/fr\/wp-json\/wp\/v2\/broker?post=281456"},{"taxonomy":"migration","embeddable":true,"href":"https:\/\/itayachtscanada.com\/fr\/wp-json\/wp\/v2\/migration?post=281456"}],"curies":[{"name":"wp","href":"https:\/\/api.w.org\/{rel}","templated":true}]}}