{"id":280938,"date":"2025-07-21T11:18:05","date_gmt":"2025-07-21T15:18:05","guid":{"rendered":"https:\/\/itayachtscanada.com\/?post_type=listing&#038;p=280938"},"modified":"2026-03-08T10:05:07","modified_gmt":"2026-03-08T14:05:07","slug":"maritimo-m55-2024-2890000-usd-for-sale","status":"publish","type":"listing","link":"https:\/\/itayachtscanada.com\/fr\/listing\/maritimo-m55-2024-2890000-usd-for-sale\/","title":{"rendered":"Maritimo M55 2024 $2,490,000 usd \u00e0 vendre"},"content":{"rendered":"<p>OFF MARKET (retir\u00e9 de la vente)<\/p>\n<p><strong>Maritimo M55 2024 $2,490,000 usd \u00e0 vendre<\/strong><\/p>\n<p>Un de plus est un exemple incroyable d&rsquo;un bateau d&rsquo;eau douce (pr\u00e8s de la baie Georgienne, Ontario) bien con\u00e7u et bien entretenu de notre mod\u00e8le de yacht le plus populaire. Ses propri\u00e9taires sont m\u00e9ticuleusement fiers de leur bateau et cela se voit. Les caract\u00e9ristiques notables comprennent une cuisine con\u00e7ue pour la pr\u00e9paration de repas de niveau gourmet, le stockage de l&rsquo;annexe avec davit s\u00e9curise l&rsquo;annexe dans toutes les conditions de mer et elle se met facilement \u00e0 l&rsquo;eau lorsque vous arrivez \u00e0 destination. Avec ses propulseurs d&rsquo;\u00e9trave et de poupe, le bateau est extr\u00eamement maniable autour du quai et en route, il est dot\u00e9 d&rsquo;une capacit\u00e9 de 1200 gallons de carburant pour une autonomie massive et une tenue de mer in\u00e9gal\u00e9e dans sa cat\u00e9gorie. Si vous \u00eates \u00e0 la recherche d&rsquo;un yacht \u00e0 moteur \u00e0 pont ferm\u00e9, consid\u00e9rez ce Maritimo comme neuf, n&rsquo;en manquez pas un de plus ! Appelez-nous pour toute question ou pour planifier une visite.<\/p>\n<p>Le Maritimo M55 est un \u00e9quilibre subtil entre la puissance et le jeu. Il fusionne les derni\u00e8res avanc\u00e9es en mati\u00e8re de technologie et de design nautique avec les caract\u00e9ristiques embl\u00e9matiques des anciens mod\u00e8les de la s\u00e9rie M de Maritimo. Construit en Australie, son design ext\u00e9rieur affin\u00e9, ses vastes espaces de divertissement et ses performances \u00e9lev\u00e9es red\u00e9finissent la norme internationale pour les yachts \u00e0 moteur de croisi\u00e8re de longue dur\u00e9e.<\/p>\n<p>Inspir\u00e9e par les le\u00e7ons tir\u00e9es de la cr\u00e9ation d&rsquo;une gamme durable de yachts \u00e0 moteur de grande croisi\u00e8re pour les conditions difficiles de l&rsquo;Australie, notre \u00e9quipe exp\u00e9riment\u00e9e de concepteurs maritimes et d&rsquo;artisans qualifi\u00e9s a d\u00e9velopp\u00e9 une nouvelle vision de la fa\u00e7on dont un yacht \u00e0 moteur \u00e0 flybridge devrait \u00eatre performant et agr\u00e9able \u00e0 vivre. D\u00e8s que vous monterez \u00e0 bord du M55, vous appr\u00e9cierez la diff\u00e9rence Maritimo et vous vous sentirez imm\u00e9diatement \u00e0 l&rsquo;aise.<\/p>\n<h3>Ce Maritimo M55 est situ\u00e9 au Michigan (Sault-Ste-Marie), veuillez nous contacter au 514-521-1221 pour tous les d\u00e9tails concernant ce Maritimo Yachts (fabriqu\u00e9 en Australie), notre bureau est situ\u00e9 en banlieue de Montr\u00e9al.<\/h3>\n<p><a href=\"https:\/\/itayachtscanada.com\/fr\/virtuals_visits\/maritimo-m55-2\/\">Cliquez ici<\/a> pour une visite virtuelle du Maritimo M55<\/p>\n<p>Dimensions<br \/>\nLongueur hors tout : 56 pi 10 po<br \/>\nLongueur sur le pont : 56 pi 3 po<br \/>\nLargeur : 17 pi 2 po<br \/>\nTirant d&rsquo;eau max : 4 pi 10 po<br \/>\nPoids<br \/>\nPoids \u00e0 sec : 69886 lb<br \/>\nVitesse<br \/>\nVitesse de croisi\u00e8re : 22 kn \u00e0 tr\/min<br \/>\nVitesse de coque : 29 kn \u00e0 tr\/min<br \/>\nR\u00e9servoirs<br \/>\nCarburant : (1200 gal)<br \/>\nEau douce : (198 gal)<br \/>\nR\u00e9servoir de stockage : (79 gal)<br \/>\nLogement<br \/>\nCabines d&rsquo;invit\u00e9s : 3<br \/>\nSalles de bain d&rsquo;invit\u00e9s : 2<br \/>\nAutres<br \/>\nGarantie de la coque : 5 ans<\/p>\n<p>&nbsp;<\/p>\n<p>MOTEURS :<\/p>\n<p>Volvo D13 (Moteur 1)<br \/>\nType de moteur : Inboard<br \/>\nType de carburant : Diesel<br \/>\nHeures moteur : 230<br \/>\nPuissance : 800 hp<br \/>\nType d&rsquo;entra\u00eenement : Direct Drive<br \/>\nType d&rsquo;h\u00e9lice : 5 pales<br \/>\nMat\u00e9riau de l&rsquo;h\u00e9lice : Mat\u00e9riau de l&rsquo;h\u00e9lice : Alliage<\/p>\n<p>Volvo D13 (Engine 2)<br \/>\nType de moteur : Inboard<br \/>\nType de carburant : Diesel<br \/>\nHeures moteur : 230<br \/>\nPuissance : 800 hp<br \/>\nType de transmission : Entra\u00eenement direct :<br \/>\nType d&rsquo;h\u00e9lice : 5 pales 5 pales<br \/>\nMat\u00e9riau de l&rsquo;h\u00e9lice : Alliage<\/p>\n<p>&nbsp;<\/p>\n<div class=\"content-box\">\n<div class=\"column-container cols-3\">\n<div class=\"column\">\n<div class=\"column-item\">\n<div class=\"content-box\">\n<div class=\"column-container cols-3\">\n<div class=\"column\">\n<div class=\"column-item\">\n<div><\/div>\n<div><img data-recalc-dims=\"1\" loading=\"lazy\" decoding=\"async\" data-attachment-id=\"280942\" data-permalink=\"https:\/\/itayachtscanada.com\/fr\/listing\/maritimo-m55-2024-2890000-usd-for-sale\/maritimo-m55-2024\/\" data-orig-file=\"https:\/\/i0.wp.com\/itayachtscanada.com\/wp-content\/uploads\/2025\/07\/Maritimo-M55-2024.jpg?fit=1428%2C1024&amp;ssl=1\" data-orig-size=\"1428,1024\" data-comments-opened=\"1\" data-image-meta=\"{&quot;aperture&quot;:&quot;0&quot;,&quot;credit&quot;:&quot;&quot;,&quot;camera&quot;:&quot;&quot;,&quot;caption&quot;:&quot;&quot;,&quot;created_timestamp&quot;:&quot;0&quot;,&quot;copyright&quot;:&quot;&quot;,&quot;focal_length&quot;:&quot;0&quot;,&quot;iso&quot;:&quot;0&quot;,&quot;shutter_speed&quot;:&quot;0&quot;,&quot;title&quot;:&quot;&quot;,&quot;orientation&quot;:&quot;0&quot;}\" data-image-title=\"Maritimo M55 2024\" data-image-description=\"\" data-image-caption=\"\" data-large-file=\"https:\/\/i0.wp.com\/itayachtscanada.com\/wp-content\/uploads\/2025\/07\/Maritimo-M55-2024.jpg?fit=700%2C502&amp;ssl=1\" class=\"alignnone size-medium wp-image-280942\" src=\"https:\/\/i0.wp.com\/itayachtscanada.com\/wp-content\/uploads\/2025\/07\/Maritimo-M55-2024.jpg?resize=300%2C215&#038;ssl=1\" alt=\"\" width=\"300\" height=\"215\" srcset=\"https:\/\/i0.wp.com\/itayachtscanada.com\/wp-content\/uploads\/2025\/07\/Maritimo-M55-2024.jpg?resize=300%2C215&amp;ssl=1 300w, https:\/\/i0.wp.com\/itayachtscanada.com\/wp-content\/uploads\/2025\/07\/Maritimo-M55-2024.jpg?resize=1024%2C734&amp;ssl=1 1024w, https:\/\/i0.wp.com\/itayachtscanada.com\/wp-content\/uploads\/2025\/07\/Maritimo-M55-2024.jpg?resize=768%2C551&amp;ssl=1 768w, https:\/\/i0.wp.com\/itayachtscanada.com\/wp-content\/uploads\/2025\/07\/Maritimo-M55-2024.jpg?resize=700%2C502&amp;ssl=1 700w, https:\/\/i0.wp.com\/itayachtscanada.com\/wp-content\/uploads\/2025\/07\/Maritimo-M55-2024.jpg?resize=558%2C400&amp;ssl=1 558w, https:\/\/i0.wp.com\/itayachtscanada.com\/wp-content\/uploads\/2025\/07\/Maritimo-M55-2024.jpg?w=1428&amp;ssl=1 1428w\" sizes=\"auto, (max-width: 300px) 100vw, 300px\" \/> <img data-recalc-dims=\"1\" loading=\"lazy\" decoding=\"async\" data-attachment-id=\"280943\" data-permalink=\"https:\/\/itayachtscanada.com\/fr\/listing\/maritimo-m55-2024-2890000-usd-for-sale\/capture-decran-le-2025-07-21-a-10-40-56\/\" data-orig-file=\"https:\/\/i0.wp.com\/itayachtscanada.com\/wp-content\/uploads\/2025\/07\/Capture-decran-le-2025-07-21-a-10.40.56.jpg?fit=1390%2C1024&amp;ssl=1\" data-orig-size=\"1390,1024\" data-comments-opened=\"1\" data-image-meta=\"{&quot;aperture&quot;:&quot;0&quot;,&quot;credit&quot;:&quot;&quot;,&quot;camera&quot;:&quot;&quot;,&quot;caption&quot;:&quot;&quot;,&quot;created_timestamp&quot;:&quot;0&quot;,&quot;copyright&quot;:&quot;&quot;,&quot;focal_length&quot;:&quot;0&quot;,&quot;iso&quot;:&quot;0&quot;,&quot;shutter_speed&quot;:&quot;0&quot;,&quot;title&quot;:&quot;&quot;,&quot;orientation&quot;:&quot;0&quot;}\" data-image-title=\"Capture d\u2019e\u0301cran, le 2025-07-21 a\u0300 10.40.56\" data-image-description=\"\" data-image-caption=\"\" data-large-file=\"https:\/\/i0.wp.com\/itayachtscanada.com\/wp-content\/uploads\/2025\/07\/Capture-decran-le-2025-07-21-a-10.40.56.jpg?fit=700%2C515&amp;ssl=1\" class=\"alignnone size-medium wp-image-280943\" src=\"https:\/\/i0.wp.com\/itayachtscanada.com\/wp-content\/uploads\/2025\/07\/Capture-decran-le-2025-07-21-a-10.40.56.jpg?resize=300%2C221&#038;ssl=1\" alt=\"\" width=\"300\" height=\"221\" srcset=\"https:\/\/i0.wp.com\/itayachtscanada.com\/wp-content\/uploads\/2025\/07\/Capture-decran-le-2025-07-21-a-10.40.56.jpg?resize=300%2C221&amp;ssl=1 300w, https:\/\/i0.wp.com\/itayachtscanada.com\/wp-content\/uploads\/2025\/07\/Capture-decran-le-2025-07-21-a-10.40.56.jpg?resize=1024%2C754&amp;ssl=1 1024w, https:\/\/i0.wp.com\/itayachtscanada.com\/wp-content\/uploads\/2025\/07\/Capture-decran-le-2025-07-21-a-10.40.56.jpg?resize=768%2C566&amp;ssl=1 768w, https:\/\/i0.wp.com\/itayachtscanada.com\/wp-content\/uploads\/2025\/07\/Capture-decran-le-2025-07-21-a-10.40.56.jpg?resize=700%2C516&amp;ssl=1 700w, https:\/\/i0.wp.com\/itayachtscanada.com\/wp-content\/uploads\/2025\/07\/Capture-decran-le-2025-07-21-a-10.40.56.jpg?resize=543%2C400&amp;ssl=1 543w, https:\/\/i0.wp.com\/itayachtscanada.com\/wp-content\/uploads\/2025\/07\/Capture-decran-le-2025-07-21-a-10.40.56.jpg?w=1390&amp;ssl=1 1390w\" sizes=\"auto, (max-width: 300px) 100vw, 300px\" \/> <img data-recalc-dims=\"1\" loading=\"lazy\" decoding=\"async\" data-attachment-id=\"280944\" data-permalink=\"https:\/\/itayachtscanada.com\/fr\/listing\/maritimo-m55-2024-2890000-usd-for-sale\/capture-decran-le-2025-07-21-a-10-40-50\/\" data-orig-file=\"https:\/\/i0.wp.com\/itayachtscanada.com\/wp-content\/uploads\/2025\/07\/Capture-decran-le-2025-07-21-a-10.40.50.jpg?fit=1032%2C1006&amp;ssl=1\" data-orig-size=\"1032,1006\" data-comments-opened=\"1\" data-image-meta=\"{&quot;aperture&quot;:&quot;0&quot;,&quot;credit&quot;:&quot;&quot;,&quot;camera&quot;:&quot;&quot;,&quot;caption&quot;:&quot;&quot;,&quot;created_timestamp&quot;:&quot;0&quot;,&quot;copyright&quot;:&quot;&quot;,&quot;focal_length&quot;:&quot;0&quot;,&quot;iso&quot;:&quot;0&quot;,&quot;shutter_speed&quot;:&quot;0&quot;,&quot;title&quot;:&quot;&quot;,&quot;orientation&quot;:&quot;0&quot;}\" data-image-title=\"Capture d\u2019e\u0301cran, le 2025-07-21 a\u0300 10.40.50\" data-image-description=\"\" data-image-caption=\"\" data-large-file=\"https:\/\/i0.wp.com\/itayachtscanada.com\/wp-content\/uploads\/2025\/07\/Capture-decran-le-2025-07-21-a-10.40.50.jpg?fit=700%2C682&amp;ssl=1\" class=\"alignnone size-medium wp-image-280944\" src=\"https:\/\/i0.wp.com\/itayachtscanada.com\/wp-content\/uploads\/2025\/07\/Capture-decran-le-2025-07-21-a-10.40.50.jpg?resize=300%2C292&#038;ssl=1\" alt=\"\" width=\"300\" height=\"292\" srcset=\"https:\/\/i0.wp.com\/itayachtscanada.com\/wp-content\/uploads\/2025\/07\/Capture-decran-le-2025-07-21-a-10.40.50.jpg?resize=300%2C292&amp;ssl=1 300w, https:\/\/i0.wp.com\/itayachtscanada.com\/wp-content\/uploads\/2025\/07\/Capture-decran-le-2025-07-21-a-10.40.50.jpg?resize=1024%2C998&amp;ssl=1 1024w, https:\/\/i0.wp.com\/itayachtscanada.com\/wp-content\/uploads\/2025\/07\/Capture-decran-le-2025-07-21-a-10.40.50.jpg?resize=768%2C749&amp;ssl=1 768w, https:\/\/i0.wp.com\/itayachtscanada.com\/wp-content\/uploads\/2025\/07\/Capture-decran-le-2025-07-21-a-10.40.50.jpg?resize=700%2C682&amp;ssl=1 700w, https:\/\/i0.wp.com\/itayachtscanada.com\/wp-content\/uploads\/2025\/07\/Capture-decran-le-2025-07-21-a-10.40.50.jpg?resize=410%2C400&amp;ssl=1 410w, https:\/\/i0.wp.com\/itayachtscanada.com\/wp-content\/uploads\/2025\/07\/Capture-decran-le-2025-07-21-a-10.40.50.jpg?resize=50%2C50&amp;ssl=1 50w, https:\/\/i0.wp.com\/itayachtscanada.com\/wp-content\/uploads\/2025\/07\/Capture-decran-le-2025-07-21-a-10.40.50.jpg?w=1032&amp;ssl=1 1032w\" sizes=\"auto, (max-width: 300px) 100vw, 300px\" \/> <img data-recalc-dims=\"1\" loading=\"lazy\" decoding=\"async\" data-attachment-id=\"280945\" data-permalink=\"https:\/\/itayachtscanada.com\/fr\/listing\/maritimo-m55-2024-2890000-usd-for-sale\/capture-decran-le-2025-07-21-a-10-40-43\/\" data-orig-file=\"https:\/\/i0.wp.com\/itayachtscanada.com\/wp-content\/uploads\/2025\/07\/Capture-decran-le-2025-07-21-a-10.40.43.jpg?fit=1134%2C1006&amp;ssl=1\" data-orig-size=\"1134,1006\" data-comments-opened=\"1\" data-image-meta=\"{&quot;aperture&quot;:&quot;0&quot;,&quot;credit&quot;:&quot;&quot;,&quot;camera&quot;:&quot;&quot;,&quot;caption&quot;:&quot;&quot;,&quot;created_timestamp&quot;:&quot;0&quot;,&quot;copyright&quot;:&quot;&quot;,&quot;focal_length&quot;:&quot;0&quot;,&quot;iso&quot;:&quot;0&quot;,&quot;shutter_speed&quot;:&quot;0&quot;,&quot;title&quot;:&quot;&quot;,&quot;orientation&quot;:&quot;0&quot;}\" data-image-title=\"Capture d\u2019e\u0301cran, le 2025-07-21 a\u0300 10.40.43\" data-image-description=\"\" data-image-caption=\"\" data-large-file=\"https:\/\/i0.wp.com\/itayachtscanada.com\/wp-content\/uploads\/2025\/07\/Capture-decran-le-2025-07-21-a-10.40.43.jpg?fit=700%2C621&amp;ssl=1\" class=\"alignnone size-medium wp-image-280945\" src=\"https:\/\/i0.wp.com\/itayachtscanada.com\/wp-content\/uploads\/2025\/07\/Capture-decran-le-2025-07-21-a-10.40.43.jpg?resize=300%2C266&#038;ssl=1\" alt=\"\" width=\"300\" height=\"266\" srcset=\"https:\/\/i0.wp.com\/itayachtscanada.com\/wp-content\/uploads\/2025\/07\/Capture-decran-le-2025-07-21-a-10.40.43.jpg?resize=300%2C266&amp;ssl=1 300w, https:\/\/i0.wp.com\/itayachtscanada.com\/wp-content\/uploads\/2025\/07\/Capture-decran-le-2025-07-21-a-10.40.43.jpg?resize=1024%2C908&amp;ssl=1 1024w, https:\/\/i0.wp.com\/itayachtscanada.com\/wp-content\/uploads\/2025\/07\/Capture-decran-le-2025-07-21-a-10.40.43.jpg?resize=768%2C681&amp;ssl=1 768w, https:\/\/i0.wp.com\/itayachtscanada.com\/wp-content\/uploads\/2025\/07\/Capture-decran-le-2025-07-21-a-10.40.43.jpg?resize=700%2C621&amp;ssl=1 700w, https:\/\/i0.wp.com\/itayachtscanada.com\/wp-content\/uploads\/2025\/07\/Capture-decran-le-2025-07-21-a-10.40.43.jpg?resize=451%2C400&amp;ssl=1 451w, https:\/\/i0.wp.com\/itayachtscanada.com\/wp-content\/uploads\/2025\/07\/Capture-decran-le-2025-07-21-a-10.40.43.jpg?w=1134&amp;ssl=1 1134w\" sizes=\"auto, (max-width: 300px) 100vw, 300px\" \/> <img data-recalc-dims=\"1\" loading=\"lazy\" decoding=\"async\" data-attachment-id=\"280946\" data-permalink=\"https:\/\/itayachtscanada.com\/fr\/listing\/maritimo-m55-2024-2890000-usd-for-sale\/capture-decran-le-2025-07-21-a-10-40-36\/\" data-orig-file=\"https:\/\/i0.wp.com\/itayachtscanada.com\/wp-content\/uploads\/2025\/07\/Capture-decran-le-2025-07-21-a-10.40.36.jpg?fit=1326%2C1006&amp;ssl=1\" data-orig-size=\"1326,1006\" data-comments-opened=\"1\" data-image-meta=\"{&quot;aperture&quot;:&quot;0&quot;,&quot;credit&quot;:&quot;&quot;,&quot;camera&quot;:&quot;&quot;,&quot;caption&quot;:&quot;&quot;,&quot;created_timestamp&quot;:&quot;0&quot;,&quot;copyright&quot;:&quot;&quot;,&quot;focal_length&quot;:&quot;0&quot;,&quot;iso&quot;:&quot;0&quot;,&quot;shutter_speed&quot;:&quot;0&quot;,&quot;title&quot;:&quot;&quot;,&quot;orientation&quot;:&quot;0&quot;}\" data-image-title=\"Capture d\u2019e\u0301cran, le 2025-07-21 a\u0300 10.40.36\" data-image-description=\"\" data-image-caption=\"\" data-large-file=\"https:\/\/i0.wp.com\/itayachtscanada.com\/wp-content\/uploads\/2025\/07\/Capture-decran-le-2025-07-21-a-10.40.36.jpg?fit=700%2C531&amp;ssl=1\" class=\"alignnone size-medium wp-image-280946\" src=\"https:\/\/i0.wp.com\/itayachtscanada.com\/wp-content\/uploads\/2025\/07\/Capture-decran-le-2025-07-21-a-10.40.36.jpg?resize=300%2C228&#038;ssl=1\" alt=\"\" width=\"300\" height=\"228\" srcset=\"https:\/\/i0.wp.com\/itayachtscanada.com\/wp-content\/uploads\/2025\/07\/Capture-decran-le-2025-07-21-a-10.40.36.jpg?resize=300%2C228&amp;ssl=1 300w, https:\/\/i0.wp.com\/itayachtscanada.com\/wp-content\/uploads\/2025\/07\/Capture-decran-le-2025-07-21-a-10.40.36.jpg?resize=1024%2C777&amp;ssl=1 1024w, https:\/\/i0.wp.com\/itayachtscanada.com\/wp-content\/uploads\/2025\/07\/Capture-decran-le-2025-07-21-a-10.40.36.jpg?resize=768%2C583&amp;ssl=1 768w, https:\/\/i0.wp.com\/itayachtscanada.com\/wp-content\/uploads\/2025\/07\/Capture-decran-le-2025-07-21-a-10.40.36.jpg?resize=700%2C531&amp;ssl=1 700w, https:\/\/i0.wp.com\/itayachtscanada.com\/wp-content\/uploads\/2025\/07\/Capture-decran-le-2025-07-21-a-10.40.36.jpg?resize=527%2C400&amp;ssl=1 527w, https:\/\/i0.wp.com\/itayachtscanada.com\/wp-content\/uploads\/2025\/07\/Capture-decran-le-2025-07-21-a-10.40.36.jpg?w=1326&amp;ssl=1 1326w\" sizes=\"auto, (max-width: 300px) 100vw, 300px\" \/> <img data-recalc-dims=\"1\" loading=\"lazy\" decoding=\"async\" data-attachment-id=\"280947\" data-permalink=\"https:\/\/itayachtscanada.com\/fr\/listing\/maritimo-m55-2024-2890000-usd-for-sale\/capture-decran-le-2025-07-21-a-10-40-29\/\" data-orig-file=\"https:\/\/i0.wp.com\/itayachtscanada.com\/wp-content\/uploads\/2025\/07\/Capture-decran-le-2025-07-21-a-10.40.29.jpg?fit=882%2C1006&amp;ssl=1\" data-orig-size=\"882,1006\" data-comments-opened=\"1\" data-image-meta=\"{&quot;aperture&quot;:&quot;0&quot;,&quot;credit&quot;:&quot;&quot;,&quot;camera&quot;:&quot;&quot;,&quot;caption&quot;:&quot;&quot;,&quot;created_timestamp&quot;:&quot;0&quot;,&quot;copyright&quot;:&quot;&quot;,&quot;focal_length&quot;:&quot;0&quot;,&quot;iso&quot;:&quot;0&quot;,&quot;shutter_speed&quot;:&quot;0&quot;,&quot;title&quot;:&quot;&quot;,&quot;orientation&quot;:&quot;0&quot;}\" data-image-title=\"Capture d\u2019e\u0301cran, le 2025-07-21 a\u0300 10.40.29\" data-image-description=\"\" data-image-caption=\"\" data-large-file=\"https:\/\/i0.wp.com\/itayachtscanada.com\/wp-content\/uploads\/2025\/07\/Capture-decran-le-2025-07-21-a-10.40.29.jpg?fit=700%2C798&amp;ssl=1\" class=\"alignnone size-medium wp-image-280947\" src=\"https:\/\/i0.wp.com\/itayachtscanada.com\/wp-content\/uploads\/2025\/07\/Capture-decran-le-2025-07-21-a-10.40.29.jpg?resize=263%2C300&#038;ssl=1\" alt=\"\" width=\"263\" height=\"300\" srcset=\"https:\/\/i0.wp.com\/itayachtscanada.com\/wp-content\/uploads\/2025\/07\/Capture-decran-le-2025-07-21-a-10.40.29.jpg?resize=263%2C300&amp;ssl=1 263w, https:\/\/i0.wp.com\/itayachtscanada.com\/wp-content\/uploads\/2025\/07\/Capture-decran-le-2025-07-21-a-10.40.29.jpg?resize=768%2C876&amp;ssl=1 768w, https:\/\/i0.wp.com\/itayachtscanada.com\/wp-content\/uploads\/2025\/07\/Capture-decran-le-2025-07-21-a-10.40.29.jpg?resize=700%2C798&amp;ssl=1 700w, https:\/\/i0.wp.com\/itayachtscanada.com\/wp-content\/uploads\/2025\/07\/Capture-decran-le-2025-07-21-a-10.40.29.jpg?resize=351%2C400&amp;ssl=1 351w, https:\/\/i0.wp.com\/itayachtscanada.com\/wp-content\/uploads\/2025\/07\/Capture-decran-le-2025-07-21-a-10.40.29.jpg?w=882&amp;ssl=1 882w\" sizes=\"auto, (max-width: 263px) 100vw, 263px\" \/> <img data-recalc-dims=\"1\" loading=\"lazy\" decoding=\"async\" data-attachment-id=\"280948\" data-permalink=\"https:\/\/itayachtscanada.com\/fr\/listing\/maritimo-m55-2024-2890000-usd-for-sale\/capture-decran-le-2025-07-21-a-10-40-20\/\" data-orig-file=\"https:\/\/i0.wp.com\/itayachtscanada.com\/wp-content\/uploads\/2025\/07\/Capture-decran-le-2025-07-21-a-10.40.20.jpg?fit=1026%2C1006&amp;ssl=1\" data-orig-size=\"1026,1006\" data-comments-opened=\"1\" data-image-meta=\"{&quot;aperture&quot;:&quot;0&quot;,&quot;credit&quot;:&quot;&quot;,&quot;camera&quot;:&quot;&quot;,&quot;caption&quot;:&quot;&quot;,&quot;created_timestamp&quot;:&quot;0&quot;,&quot;copyright&quot;:&quot;&quot;,&quot;focal_length&quot;:&quot;0&quot;,&quot;iso&quot;:&quot;0&quot;,&quot;shutter_speed&quot;:&quot;0&quot;,&quot;title&quot;:&quot;&quot;,&quot;orientation&quot;:&quot;0&quot;}\" data-image-title=\"Capture d\u2019e\u0301cran, le 2025-07-21 a\u0300 10.40.20\" data-image-description=\"\" data-image-caption=\"\" data-large-file=\"https:\/\/i0.wp.com\/itayachtscanada.com\/wp-content\/uploads\/2025\/07\/Capture-decran-le-2025-07-21-a-10.40.20.jpg?fit=700%2C686&amp;ssl=1\" class=\"alignnone size-medium wp-image-280948\" src=\"https:\/\/i0.wp.com\/itayachtscanada.com\/wp-content\/uploads\/2025\/07\/Capture-decran-le-2025-07-21-a-10.40.20.jpg?resize=300%2C294&#038;ssl=1\" alt=\"\" width=\"300\" height=\"294\" srcset=\"https:\/\/i0.wp.com\/itayachtscanada.com\/wp-content\/uploads\/2025\/07\/Capture-decran-le-2025-07-21-a-10.40.20.jpg?resize=300%2C294&amp;ssl=1 300w, https:\/\/i0.wp.com\/itayachtscanada.com\/wp-content\/uploads\/2025\/07\/Capture-decran-le-2025-07-21-a-10.40.20.jpg?resize=1024%2C1004&amp;ssl=1 1024w, https:\/\/i0.wp.com\/itayachtscanada.com\/wp-content\/uploads\/2025\/07\/Capture-decran-le-2025-07-21-a-10.40.20.jpg?resize=768%2C753&amp;ssl=1 768w, https:\/\/i0.wp.com\/itayachtscanada.com\/wp-content\/uploads\/2025\/07\/Capture-decran-le-2025-07-21-a-10.40.20.jpg?resize=60%2C60&amp;ssl=1 60w, https:\/\/i0.wp.com\/itayachtscanada.com\/wp-content\/uploads\/2025\/07\/Capture-decran-le-2025-07-21-a-10.40.20.jpg?resize=700%2C686&amp;ssl=1 700w, https:\/\/i0.wp.com\/itayachtscanada.com\/wp-content\/uploads\/2025\/07\/Capture-decran-le-2025-07-21-a-10.40.20.jpg?resize=408%2C400&amp;ssl=1 408w, https:\/\/i0.wp.com\/itayachtscanada.com\/wp-content\/uploads\/2025\/07\/Capture-decran-le-2025-07-21-a-10.40.20.jpg?resize=50%2C50&amp;ssl=1 50w, https:\/\/i0.wp.com\/itayachtscanada.com\/wp-content\/uploads\/2025\/07\/Capture-decran-le-2025-07-21-a-10.40.20.jpg?w=1026&amp;ssl=1 1026w\" sizes=\"auto, (max-width: 300px) 100vw, 300px\" \/> <img data-recalc-dims=\"1\" loading=\"lazy\" decoding=\"async\" data-attachment-id=\"280949\" data-permalink=\"https:\/\/itayachtscanada.com\/fr\/listing\/maritimo-m55-2024-2890000-usd-for-sale\/capture-decran-le-2025-07-21-a-10-40-12\/\" data-orig-file=\"https:\/\/i0.wp.com\/itayachtscanada.com\/wp-content\/uploads\/2025\/07\/Capture-decran-le-2025-07-21-a-10.40.12.jpg?fit=1938%2C1006&amp;ssl=1\" data-orig-size=\"1938,1006\" data-comments-opened=\"1\" data-image-meta=\"{&quot;aperture&quot;:&quot;0&quot;,&quot;credit&quot;:&quot;&quot;,&quot;camera&quot;:&quot;&quot;,&quot;caption&quot;:&quot;&quot;,&quot;created_timestamp&quot;:&quot;0&quot;,&quot;copyright&quot;:&quot;&quot;,&quot;focal_length&quot;:&quot;0&quot;,&quot;iso&quot;:&quot;0&quot;,&quot;shutter_speed&quot;:&quot;0&quot;,&quot;title&quot;:&quot;&quot;,&quot;orientation&quot;:&quot;0&quot;}\" data-image-title=\"Capture d\u2019e\u0301cran, le 2025-07-21 a\u0300 10.40.12\" data-image-description=\"\" data-image-caption=\"\" data-large-file=\"https:\/\/i0.wp.com\/itayachtscanada.com\/wp-content\/uploads\/2025\/07\/Capture-decran-le-2025-07-21-a-10.40.12.jpg?fit=700%2C364&amp;ssl=1\" class=\"alignnone size-medium wp-image-280949\" src=\"https:\/\/i0.wp.com\/itayachtscanada.com\/wp-content\/uploads\/2025\/07\/Capture-decran-le-2025-07-21-a-10.40.12.jpg?resize=300%2C156&#038;ssl=1\" alt=\"\" width=\"300\" height=\"156\" srcset=\"https:\/\/i0.wp.com\/itayachtscanada.com\/wp-content\/uploads\/2025\/07\/Capture-decran-le-2025-07-21-a-10.40.12.jpg?resize=300%2C156&amp;ssl=1 300w, https:\/\/i0.wp.com\/itayachtscanada.com\/wp-content\/uploads\/2025\/07\/Capture-decran-le-2025-07-21-a-10.40.12.jpg?resize=1024%2C532&amp;ssl=1 1024w, https:\/\/i0.wp.com\/itayachtscanada.com\/wp-content\/uploads\/2025\/07\/Capture-decran-le-2025-07-21-a-10.40.12.jpg?resize=768%2C399&amp;ssl=1 768w, https:\/\/i0.wp.com\/itayachtscanada.com\/wp-content\/uploads\/2025\/07\/Capture-decran-le-2025-07-21-a-10.40.12.jpg?resize=1536%2C797&amp;ssl=1 1536w, https:\/\/i0.wp.com\/itayachtscanada.com\/wp-content\/uploads\/2025\/07\/Capture-decran-le-2025-07-21-a-10.40.12.jpg?resize=700%2C363&amp;ssl=1 700w, https:\/\/i0.wp.com\/itayachtscanada.com\/wp-content\/uploads\/2025\/07\/Capture-decran-le-2025-07-21-a-10.40.12.jpg?resize=771%2C400&amp;ssl=1 771w, https:\/\/i0.wp.com\/itayachtscanada.com\/wp-content\/uploads\/2025\/07\/Capture-decran-le-2025-07-21-a-10.40.12.jpg?w=1938&amp;ssl=1 1938w, https:\/\/i0.wp.com\/itayachtscanada.com\/wp-content\/uploads\/2025\/07\/Capture-decran-le-2025-07-21-a-10.40.12.jpg?w=1400&amp;ssl=1 1400w\" sizes=\"auto, (max-width: 300px) 100vw, 300px\" \/> <img data-recalc-dims=\"1\" loading=\"lazy\" decoding=\"async\" data-attachment-id=\"280950\" data-permalink=\"https:\/\/itayachtscanada.com\/fr\/listing\/maritimo-m55-2024-2890000-usd-for-sale\/capture-decran-le-2025-07-21-a-10-40-04\/\" data-orig-file=\"https:\/\/i0.wp.com\/itayachtscanada.com\/wp-content\/uploads\/2025\/07\/Capture-decran-le-2025-07-21-a-10.40.04.jpg?fit=1556%2C1006&amp;ssl=1\" data-orig-size=\"1556,1006\" data-comments-opened=\"1\" data-image-meta=\"{&quot;aperture&quot;:&quot;0&quot;,&quot;credit&quot;:&quot;&quot;,&quot;camera&quot;:&quot;&quot;,&quot;caption&quot;:&quot;&quot;,&quot;created_timestamp&quot;:&quot;0&quot;,&quot;copyright&quot;:&quot;&quot;,&quot;focal_length&quot;:&quot;0&quot;,&quot;iso&quot;:&quot;0&quot;,&quot;shutter_speed&quot;:&quot;0&quot;,&quot;title&quot;:&quot;&quot;,&quot;orientation&quot;:&quot;0&quot;}\" data-image-title=\"Capture d\u2019e\u0301cran, le 2025-07-21 a\u0300 10.40.04\" data-image-description=\"\" data-image-caption=\"\" data-large-file=\"https:\/\/i0.wp.com\/itayachtscanada.com\/wp-content\/uploads\/2025\/07\/Capture-decran-le-2025-07-21-a-10.40.04.jpg?fit=700%2C453&amp;ssl=1\" class=\"alignnone size-medium wp-image-280950\" src=\"https:\/\/i0.wp.com\/itayachtscanada.com\/wp-content\/uploads\/2025\/07\/Capture-decran-le-2025-07-21-a-10.40.04.jpg?resize=300%2C194&#038;ssl=1\" alt=\"\" width=\"300\" height=\"194\" srcset=\"https:\/\/i0.wp.com\/itayachtscanada.com\/wp-content\/uploads\/2025\/07\/Capture-decran-le-2025-07-21-a-10.40.04.jpg?resize=300%2C194&amp;ssl=1 300w, https:\/\/i0.wp.com\/itayachtscanada.com\/wp-content\/uploads\/2025\/07\/Capture-decran-le-2025-07-21-a-10.40.04.jpg?resize=1024%2C662&amp;ssl=1 1024w, https:\/\/i0.wp.com\/itayachtscanada.com\/wp-content\/uploads\/2025\/07\/Capture-decran-le-2025-07-21-a-10.40.04.jpg?resize=768%2C497&amp;ssl=1 768w, https:\/\/i0.wp.com\/itayachtscanada.com\/wp-content\/uploads\/2025\/07\/Capture-decran-le-2025-07-21-a-10.40.04.jpg?resize=1536%2C993&amp;ssl=1 1536w, https:\/\/i0.wp.com\/itayachtscanada.com\/wp-content\/uploads\/2025\/07\/Capture-decran-le-2025-07-21-a-10.40.04.jpg?resize=700%2C453&amp;ssl=1 700w, https:\/\/i0.wp.com\/itayachtscanada.com\/wp-content\/uploads\/2025\/07\/Capture-decran-le-2025-07-21-a-10.40.04.jpg?resize=619%2C400&amp;ssl=1 619w, https:\/\/i0.wp.com\/itayachtscanada.com\/wp-content\/uploads\/2025\/07\/Capture-decran-le-2025-07-21-a-10.40.04.jpg?w=1556&amp;ssl=1 1556w, https:\/\/i0.wp.com\/itayachtscanada.com\/wp-content\/uploads\/2025\/07\/Capture-decran-le-2025-07-21-a-10.40.04.jpg?w=1400&amp;ssl=1 1400w\" sizes=\"auto, (max-width: 300px) 100vw, 300px\" \/> <img data-recalc-dims=\"1\" loading=\"lazy\" decoding=\"async\" data-attachment-id=\"280951\" data-permalink=\"https:\/\/itayachtscanada.com\/fr\/listing\/maritimo-m55-2024-2890000-usd-for-sale\/capture-decran-le-2025-07-21-a-10-39-55\/\" data-orig-file=\"https:\/\/i0.wp.com\/itayachtscanada.com\/wp-content\/uploads\/2025\/07\/Capture-decran-le-2025-07-21-a-10.39.55.jpg?fit=678%2C1006&amp;ssl=1\" data-orig-size=\"678,1006\" data-comments-opened=\"1\" data-image-meta=\"{&quot;aperture&quot;:&quot;0&quot;,&quot;credit&quot;:&quot;&quot;,&quot;camera&quot;:&quot;&quot;,&quot;caption&quot;:&quot;&quot;,&quot;created_timestamp&quot;:&quot;0&quot;,&quot;copyright&quot;:&quot;&quot;,&quot;focal_length&quot;:&quot;0&quot;,&quot;iso&quot;:&quot;0&quot;,&quot;shutter_speed&quot;:&quot;0&quot;,&quot;title&quot;:&quot;&quot;,&quot;orientation&quot;:&quot;0&quot;}\" data-image-title=\"Capture d\u2019e\u0301cran, le 2025-07-21 a\u0300 10.39.55\" data-image-description=\"\" data-image-caption=\"\" data-large-file=\"https:\/\/i0.wp.com\/itayachtscanada.com\/wp-content\/uploads\/2025\/07\/Capture-decran-le-2025-07-21-a-10.39.55.jpg?fit=678%2C1006&amp;ssl=1\" class=\"alignnone size-medium wp-image-280951\" src=\"https:\/\/i0.wp.com\/itayachtscanada.com\/wp-content\/uploads\/2025\/07\/Capture-decran-le-2025-07-21-a-10.39.55.jpg?resize=202%2C300&#038;ssl=1\" alt=\"\" width=\"202\" height=\"300\" srcset=\"https:\/\/i0.wp.com\/itayachtscanada.com\/wp-content\/uploads\/2025\/07\/Capture-decran-le-2025-07-21-a-10.39.55.jpg?resize=202%2C300&amp;ssl=1 202w, https:\/\/i0.wp.com\/itayachtscanada.com\/wp-content\/uploads\/2025\/07\/Capture-decran-le-2025-07-21-a-10.39.55.jpg?resize=270%2C400&amp;ssl=1 270w, https:\/\/i0.wp.com\/itayachtscanada.com\/wp-content\/uploads\/2025\/07\/Capture-decran-le-2025-07-21-a-10.39.55.jpg?w=678&amp;ssl=1 678w\" sizes=\"auto, (max-width: 202px) 100vw, 202px\" \/> <img data-recalc-dims=\"1\" loading=\"lazy\" decoding=\"async\" data-attachment-id=\"280952\" data-permalink=\"https:\/\/itayachtscanada.com\/fr\/listing\/maritimo-m55-2024-2890000-usd-for-sale\/capture-decran-le-2025-07-21-a-10-39-47\/\" data-orig-file=\"https:\/\/i0.wp.com\/itayachtscanada.com\/wp-content\/uploads\/2025\/07\/Capture-decran-le-2025-07-21-a-10.39.47.jpg?fit=1528%2C1006&amp;ssl=1\" data-orig-size=\"1528,1006\" data-comments-opened=\"1\" data-image-meta=\"{&quot;aperture&quot;:&quot;0&quot;,&quot;credit&quot;:&quot;&quot;,&quot;camera&quot;:&quot;&quot;,&quot;caption&quot;:&quot;&quot;,&quot;created_timestamp&quot;:&quot;0&quot;,&quot;copyright&quot;:&quot;&quot;,&quot;focal_length&quot;:&quot;0&quot;,&quot;iso&quot;:&quot;0&quot;,&quot;shutter_speed&quot;:&quot;0&quot;,&quot;title&quot;:&quot;&quot;,&quot;orientation&quot;:&quot;0&quot;}\" data-image-title=\"Capture d\u2019e\u0301cran, le 2025-07-21 a\u0300 10.39.47\" data-image-description=\"\" data-image-caption=\"\" data-large-file=\"https:\/\/i0.wp.com\/itayachtscanada.com\/wp-content\/uploads\/2025\/07\/Capture-decran-le-2025-07-21-a-10.39.47.jpg?fit=700%2C461&amp;ssl=1\" class=\"alignnone size-medium wp-image-280952\" src=\"https:\/\/i0.wp.com\/itayachtscanada.com\/wp-content\/uploads\/2025\/07\/Capture-decran-le-2025-07-21-a-10.39.47.jpg?resize=300%2C198&#038;ssl=1\" alt=\"\" width=\"300\" height=\"198\" srcset=\"https:\/\/i0.wp.com\/itayachtscanada.com\/wp-content\/uploads\/2025\/07\/Capture-decran-le-2025-07-21-a-10.39.47.jpg?resize=300%2C198&amp;ssl=1 300w, https:\/\/i0.wp.com\/itayachtscanada.com\/wp-content\/uploads\/2025\/07\/Capture-decran-le-2025-07-21-a-10.39.47.jpg?resize=1024%2C674&amp;ssl=1 1024w, https:\/\/i0.wp.com\/itayachtscanada.com\/wp-content\/uploads\/2025\/07\/Capture-decran-le-2025-07-21-a-10.39.47.jpg?resize=768%2C506&amp;ssl=1 768w, https:\/\/i0.wp.com\/itayachtscanada.com\/wp-content\/uploads\/2025\/07\/Capture-decran-le-2025-07-21-a-10.39.47.jpg?resize=700%2C461&amp;ssl=1 700w, https:\/\/i0.wp.com\/itayachtscanada.com\/wp-content\/uploads\/2025\/07\/Capture-decran-le-2025-07-21-a-10.39.47.jpg?resize=608%2C400&amp;ssl=1 608w, https:\/\/i0.wp.com\/itayachtscanada.com\/wp-content\/uploads\/2025\/07\/Capture-decran-le-2025-07-21-a-10.39.47.jpg?w=1528&amp;ssl=1 1528w, https:\/\/i0.wp.com\/itayachtscanada.com\/wp-content\/uploads\/2025\/07\/Capture-decran-le-2025-07-21-a-10.39.47.jpg?w=1400&amp;ssl=1 1400w\" sizes=\"auto, (max-width: 300px) 100vw, 300px\" \/> <img data-recalc-dims=\"1\" loading=\"lazy\" decoding=\"async\" data-attachment-id=\"280953\" data-permalink=\"https:\/\/itayachtscanada.com\/fr\/listing\/maritimo-m55-2024-2890000-usd-for-sale\/capture-decran-le-2025-07-21-a-10-39-39\/\" data-orig-file=\"https:\/\/i0.wp.com\/itayachtscanada.com\/wp-content\/uploads\/2025\/07\/Capture-decran-le-2025-07-21-a-10.39.39.jpg?fit=806%2C1006&amp;ssl=1\" data-orig-size=\"806,1006\" data-comments-opened=\"1\" data-image-meta=\"{&quot;aperture&quot;:&quot;0&quot;,&quot;credit&quot;:&quot;&quot;,&quot;camera&quot;:&quot;&quot;,&quot;caption&quot;:&quot;&quot;,&quot;created_timestamp&quot;:&quot;0&quot;,&quot;copyright&quot;:&quot;&quot;,&quot;focal_length&quot;:&quot;0&quot;,&quot;iso&quot;:&quot;0&quot;,&quot;shutter_speed&quot;:&quot;0&quot;,&quot;title&quot;:&quot;&quot;,&quot;orientation&quot;:&quot;0&quot;}\" data-image-title=\"Capture d\u2019e\u0301cran, le 2025-07-21 a\u0300 10.39.39\" data-image-description=\"\" data-image-caption=\"\" data-large-file=\"https:\/\/i0.wp.com\/itayachtscanada.com\/wp-content\/uploads\/2025\/07\/Capture-decran-le-2025-07-21-a-10.39.39.jpg?fit=700%2C874&amp;ssl=1\" class=\"alignnone size-medium wp-image-280953\" src=\"https:\/\/i0.wp.com\/itayachtscanada.com\/wp-content\/uploads\/2025\/07\/Capture-decran-le-2025-07-21-a-10.39.39.jpg?resize=240%2C300&#038;ssl=1\" alt=\"\" width=\"240\" height=\"300\" srcset=\"https:\/\/i0.wp.com\/itayachtscanada.com\/wp-content\/uploads\/2025\/07\/Capture-decran-le-2025-07-21-a-10.39.39.jpg?resize=240%2C300&amp;ssl=1 240w, https:\/\/i0.wp.com\/itayachtscanada.com\/wp-content\/uploads\/2025\/07\/Capture-decran-le-2025-07-21-a-10.39.39.jpg?resize=768%2C959&amp;ssl=1 768w, https:\/\/i0.wp.com\/itayachtscanada.com\/wp-content\/uploads\/2025\/07\/Capture-decran-le-2025-07-21-a-10.39.39.jpg?resize=700%2C874&amp;ssl=1 700w, https:\/\/i0.wp.com\/itayachtscanada.com\/wp-content\/uploads\/2025\/07\/Capture-decran-le-2025-07-21-a-10.39.39.jpg?resize=320%2C400&amp;ssl=1 320w, https:\/\/i0.wp.com\/itayachtscanada.com\/wp-content\/uploads\/2025\/07\/Capture-decran-le-2025-07-21-a-10.39.39.jpg?w=806&amp;ssl=1 806w\" sizes=\"auto, (max-width: 240px) 100vw, 240px\" \/> <img data-recalc-dims=\"1\" loading=\"lazy\" decoding=\"async\" data-attachment-id=\"280954\" data-permalink=\"https:\/\/itayachtscanada.com\/fr\/listing\/maritimo-m55-2024-2890000-usd-for-sale\/capture-decran-le-2025-07-21-a-10-39-30\/\" data-orig-file=\"https:\/\/i0.wp.com\/itayachtscanada.com\/wp-content\/uploads\/2025\/07\/Capture-decran-le-2025-07-21-a-10.39.30.jpg?fit=1530%2C1006&amp;ssl=1\" data-orig-size=\"1530,1006\" data-comments-opened=\"1\" data-image-meta=\"{&quot;aperture&quot;:&quot;0&quot;,&quot;credit&quot;:&quot;&quot;,&quot;camera&quot;:&quot;&quot;,&quot;caption&quot;:&quot;&quot;,&quot;created_timestamp&quot;:&quot;0&quot;,&quot;copyright&quot;:&quot;&quot;,&quot;focal_length&quot;:&quot;0&quot;,&quot;iso&quot;:&quot;0&quot;,&quot;shutter_speed&quot;:&quot;0&quot;,&quot;title&quot;:&quot;&quot;,&quot;orientation&quot;:&quot;0&quot;}\" data-image-title=\"Capture d\u2019e\u0301cran, le 2025-07-21 a\u0300 10.39.30\" data-image-description=\"\" data-image-caption=\"\" data-large-file=\"https:\/\/i0.wp.com\/itayachtscanada.com\/wp-content\/uploads\/2025\/07\/Capture-decran-le-2025-07-21-a-10.39.30.jpg?fit=700%2C460&amp;ssl=1\" class=\"alignnone size-medium wp-image-280954\" src=\"https:\/\/i0.wp.com\/itayachtscanada.com\/wp-content\/uploads\/2025\/07\/Capture-decran-le-2025-07-21-a-10.39.30.jpg?resize=300%2C197&#038;ssl=1\" alt=\"\" width=\"300\" height=\"197\" srcset=\"https:\/\/i0.wp.com\/itayachtscanada.com\/wp-content\/uploads\/2025\/07\/Capture-decran-le-2025-07-21-a-10.39.30.jpg?resize=300%2C197&amp;ssl=1 300w, https:\/\/i0.wp.com\/itayachtscanada.com\/wp-content\/uploads\/2025\/07\/Capture-decran-le-2025-07-21-a-10.39.30.jpg?resize=1024%2C673&amp;ssl=1 1024w, https:\/\/i0.wp.com\/itayachtscanada.com\/wp-content\/uploads\/2025\/07\/Capture-decran-le-2025-07-21-a-10.39.30.jpg?resize=768%2C505&amp;ssl=1 768w, https:\/\/i0.wp.com\/itayachtscanada.com\/wp-content\/uploads\/2025\/07\/Capture-decran-le-2025-07-21-a-10.39.30.jpg?resize=700%2C460&amp;ssl=1 700w, https:\/\/i0.wp.com\/itayachtscanada.com\/wp-content\/uploads\/2025\/07\/Capture-decran-le-2025-07-21-a-10.39.30.jpg?resize=608%2C400&amp;ssl=1 608w, https:\/\/i0.wp.com\/itayachtscanada.com\/wp-content\/uploads\/2025\/07\/Capture-decran-le-2025-07-21-a-10.39.30.jpg?w=1530&amp;ssl=1 1530w, https:\/\/i0.wp.com\/itayachtscanada.com\/wp-content\/uploads\/2025\/07\/Capture-decran-le-2025-07-21-a-10.39.30.jpg?w=1400&amp;ssl=1 1400w\" sizes=\"auto, (max-width: 300px) 100vw, 300px\" \/> <img data-recalc-dims=\"1\" loading=\"lazy\" decoding=\"async\" data-attachment-id=\"280955\" data-permalink=\"https:\/\/itayachtscanada.com\/fr\/listing\/maritimo-m55-2024-2890000-usd-for-sale\/capture-decran-le-2025-07-21-a-10-39-22\/\" data-orig-file=\"https:\/\/i0.wp.com\/itayachtscanada.com\/wp-content\/uploads\/2025\/07\/Capture-decran-le-2025-07-21-a-10.39.22.jpg?fit=680%2C1006&amp;ssl=1\" data-orig-size=\"680,1006\" data-comments-opened=\"1\" data-image-meta=\"{&quot;aperture&quot;:&quot;0&quot;,&quot;credit&quot;:&quot;&quot;,&quot;camera&quot;:&quot;&quot;,&quot;caption&quot;:&quot;&quot;,&quot;created_timestamp&quot;:&quot;0&quot;,&quot;copyright&quot;:&quot;&quot;,&quot;focal_length&quot;:&quot;0&quot;,&quot;iso&quot;:&quot;0&quot;,&quot;shutter_speed&quot;:&quot;0&quot;,&quot;title&quot;:&quot;&quot;,&quot;orientation&quot;:&quot;0&quot;}\" data-image-title=\"Capture d\u2019e\u0301cran, le 2025-07-21 a\u0300 10.39.22\" data-image-description=\"\" data-image-caption=\"\" data-large-file=\"https:\/\/i0.wp.com\/itayachtscanada.com\/wp-content\/uploads\/2025\/07\/Capture-decran-le-2025-07-21-a-10.39.22.jpg?fit=680%2C1006&amp;ssl=1\" class=\"alignnone size-medium wp-image-280955\" src=\"https:\/\/i0.wp.com\/itayachtscanada.com\/wp-content\/uploads\/2025\/07\/Capture-decran-le-2025-07-21-a-10.39.22.jpg?resize=203%2C300&#038;ssl=1\" alt=\"\" width=\"203\" height=\"300\" srcset=\"https:\/\/i0.wp.com\/itayachtscanada.com\/wp-content\/uploads\/2025\/07\/Capture-decran-le-2025-07-21-a-10.39.22.jpg?resize=203%2C300&amp;ssl=1 203w, https:\/\/i0.wp.com\/itayachtscanada.com\/wp-content\/uploads\/2025\/07\/Capture-decran-le-2025-07-21-a-10.39.22.jpg?resize=270%2C400&amp;ssl=1 270w, https:\/\/i0.wp.com\/itayachtscanada.com\/wp-content\/uploads\/2025\/07\/Capture-decran-le-2025-07-21-a-10.39.22.jpg?w=680&amp;ssl=1 680w\" sizes=\"auto, (max-width: 203px) 100vw, 203px\" \/> <img data-recalc-dims=\"1\" loading=\"lazy\" decoding=\"async\" data-attachment-id=\"280956\" data-permalink=\"https:\/\/itayachtscanada.com\/fr\/listing\/maritimo-m55-2024-2890000-usd-for-sale\/capture-decran-le-2025-07-21-a-10-39-18\/\" data-orig-file=\"https:\/\/i0.wp.com\/itayachtscanada.com\/wp-content\/uploads\/2025\/07\/Capture-decran-le-2025-07-21-a-10.39.18.jpg?fit=1530%2C1006&amp;ssl=1\" data-orig-size=\"1530,1006\" data-comments-opened=\"1\" data-image-meta=\"{&quot;aperture&quot;:&quot;0&quot;,&quot;credit&quot;:&quot;&quot;,&quot;camera&quot;:&quot;&quot;,&quot;caption&quot;:&quot;&quot;,&quot;created_timestamp&quot;:&quot;0&quot;,&quot;copyright&quot;:&quot;&quot;,&quot;focal_length&quot;:&quot;0&quot;,&quot;iso&quot;:&quot;0&quot;,&quot;shutter_speed&quot;:&quot;0&quot;,&quot;title&quot;:&quot;&quot;,&quot;orientation&quot;:&quot;0&quot;}\" data-image-title=\"Capture d\u2019e\u0301cran, le 2025-07-21 a\u0300 10.39.18\" data-image-description=\"\" data-image-caption=\"\" data-large-file=\"https:\/\/i0.wp.com\/itayachtscanada.com\/wp-content\/uploads\/2025\/07\/Capture-decran-le-2025-07-21-a-10.39.18.jpg?fit=700%2C460&amp;ssl=1\" class=\"alignnone size-medium wp-image-280956\" src=\"https:\/\/i0.wp.com\/itayachtscanada.com\/wp-content\/uploads\/2025\/07\/Capture-decran-le-2025-07-21-a-10.39.18.jpg?resize=300%2C197&#038;ssl=1\" alt=\"\" width=\"300\" height=\"197\" srcset=\"https:\/\/i0.wp.com\/itayachtscanada.com\/wp-content\/uploads\/2025\/07\/Capture-decran-le-2025-07-21-a-10.39.18.jpg?resize=300%2C197&amp;ssl=1 300w, https:\/\/i0.wp.com\/itayachtscanada.com\/wp-content\/uploads\/2025\/07\/Capture-decran-le-2025-07-21-a-10.39.18.jpg?resize=1024%2C673&amp;ssl=1 1024w, https:\/\/i0.wp.com\/itayachtscanada.com\/wp-content\/uploads\/2025\/07\/Capture-decran-le-2025-07-21-a-10.39.18.jpg?resize=768%2C505&amp;ssl=1 768w, https:\/\/i0.wp.com\/itayachtscanada.com\/wp-content\/uploads\/2025\/07\/Capture-decran-le-2025-07-21-a-10.39.18.jpg?resize=700%2C460&amp;ssl=1 700w, https:\/\/i0.wp.com\/itayachtscanada.com\/wp-content\/uploads\/2025\/07\/Capture-decran-le-2025-07-21-a-10.39.18.jpg?resize=608%2C400&amp;ssl=1 608w, https:\/\/i0.wp.com\/itayachtscanada.com\/wp-content\/uploads\/2025\/07\/Capture-decran-le-2025-07-21-a-10.39.18.jpg?w=1530&amp;ssl=1 1530w, https:\/\/i0.wp.com\/itayachtscanada.com\/wp-content\/uploads\/2025\/07\/Capture-decran-le-2025-07-21-a-10.39.18.jpg?w=1400&amp;ssl=1 1400w\" sizes=\"auto, (max-width: 300px) 100vw, 300px\" \/> <img data-recalc-dims=\"1\" loading=\"lazy\" decoding=\"async\" data-attachment-id=\"280957\" data-permalink=\"https:\/\/itayachtscanada.com\/fr\/listing\/maritimo-m55-2024-2890000-usd-for-sale\/capture-decran-le-2025-07-21-a-10-39-14\/\" data-orig-file=\"https:\/\/i0.wp.com\/itayachtscanada.com\/wp-content\/uploads\/2025\/07\/Capture-decran-le-2025-07-21-a-10.39.14.jpg?fit=1530%2C1006&amp;ssl=1\" data-orig-size=\"1530,1006\" data-comments-opened=\"1\" data-image-meta=\"{&quot;aperture&quot;:&quot;0&quot;,&quot;credit&quot;:&quot;&quot;,&quot;camera&quot;:&quot;&quot;,&quot;caption&quot;:&quot;&quot;,&quot;created_timestamp&quot;:&quot;0&quot;,&quot;copyright&quot;:&quot;&quot;,&quot;focal_length&quot;:&quot;0&quot;,&quot;iso&quot;:&quot;0&quot;,&quot;shutter_speed&quot;:&quot;0&quot;,&quot;title&quot;:&quot;&quot;,&quot;orientation&quot;:&quot;0&quot;}\" data-image-title=\"Capture d\u2019e\u0301cran, le 2025-07-21 a\u0300 10.39.14\" data-image-description=\"\" data-image-caption=\"\" data-large-file=\"https:\/\/i0.wp.com\/itayachtscanada.com\/wp-content\/uploads\/2025\/07\/Capture-decran-le-2025-07-21-a-10.39.14.jpg?fit=700%2C460&amp;ssl=1\" class=\"alignnone size-medium wp-image-280957\" src=\"https:\/\/i0.wp.com\/itayachtscanada.com\/wp-content\/uploads\/2025\/07\/Capture-decran-le-2025-07-21-a-10.39.14.jpg?resize=300%2C197&#038;ssl=1\" alt=\"\" width=\"300\" height=\"197\" srcset=\"https:\/\/i0.wp.com\/itayachtscanada.com\/wp-content\/uploads\/2025\/07\/Capture-decran-le-2025-07-21-a-10.39.14.jpg?resize=300%2C197&amp;ssl=1 300w, https:\/\/i0.wp.com\/itayachtscanada.com\/wp-content\/uploads\/2025\/07\/Capture-decran-le-2025-07-21-a-10.39.14.jpg?resize=1024%2C673&amp;ssl=1 1024w, https:\/\/i0.wp.com\/itayachtscanada.com\/wp-content\/uploads\/2025\/07\/Capture-decran-le-2025-07-21-a-10.39.14.jpg?resize=768%2C505&amp;ssl=1 768w, https:\/\/i0.wp.com\/itayachtscanada.com\/wp-content\/uploads\/2025\/07\/Capture-decran-le-2025-07-21-a-10.39.14.jpg?resize=700%2C460&amp;ssl=1 700w, https:\/\/i0.wp.com\/itayachtscanada.com\/wp-content\/uploads\/2025\/07\/Capture-decran-le-2025-07-21-a-10.39.14.jpg?resize=608%2C400&amp;ssl=1 608w, https:\/\/i0.wp.com\/itayachtscanada.com\/wp-content\/uploads\/2025\/07\/Capture-decran-le-2025-07-21-a-10.39.14.jpg?w=1530&amp;ssl=1 1530w, https:\/\/i0.wp.com\/itayachtscanada.com\/wp-content\/uploads\/2025\/07\/Capture-decran-le-2025-07-21-a-10.39.14.jpg?w=1400&amp;ssl=1 1400w\" sizes=\"auto, (max-width: 300px) 100vw, 300px\" \/> <img data-recalc-dims=\"1\" loading=\"lazy\" decoding=\"async\" data-attachment-id=\"280958\" data-permalink=\"https:\/\/itayachtscanada.com\/fr\/listing\/maritimo-m55-2024-2890000-usd-for-sale\/capture-decran-le-2025-07-21-a-10-39-10\/\" data-orig-file=\"https:\/\/i0.wp.com\/itayachtscanada.com\/wp-content\/uploads\/2025\/07\/Capture-decran-le-2025-07-21-a-10.39.10.jpg?fit=1530%2C1006&amp;ssl=1\" data-orig-size=\"1530,1006\" data-comments-opened=\"1\" data-image-meta=\"{&quot;aperture&quot;:&quot;0&quot;,&quot;credit&quot;:&quot;&quot;,&quot;camera&quot;:&quot;&quot;,&quot;caption&quot;:&quot;&quot;,&quot;created_timestamp&quot;:&quot;0&quot;,&quot;copyright&quot;:&quot;&quot;,&quot;focal_length&quot;:&quot;0&quot;,&quot;iso&quot;:&quot;0&quot;,&quot;shutter_speed&quot;:&quot;0&quot;,&quot;title&quot;:&quot;&quot;,&quot;orientation&quot;:&quot;0&quot;}\" data-image-title=\"Capture d\u2019e\u0301cran, le 2025-07-21 a\u0300 10.39.10\" data-image-description=\"\" data-image-caption=\"\" data-large-file=\"https:\/\/i0.wp.com\/itayachtscanada.com\/wp-content\/uploads\/2025\/07\/Capture-decran-le-2025-07-21-a-10.39.10.jpg?fit=700%2C460&amp;ssl=1\" class=\"alignnone size-medium wp-image-280958\" src=\"https:\/\/i0.wp.com\/itayachtscanada.com\/wp-content\/uploads\/2025\/07\/Capture-decran-le-2025-07-21-a-10.39.10.jpg?resize=300%2C197&#038;ssl=1\" alt=\"\" width=\"300\" height=\"197\" srcset=\"https:\/\/i0.wp.com\/itayachtscanada.com\/wp-content\/uploads\/2025\/07\/Capture-decran-le-2025-07-21-a-10.39.10.jpg?resize=300%2C197&amp;ssl=1 300w, https:\/\/i0.wp.com\/itayachtscanada.com\/wp-content\/uploads\/2025\/07\/Capture-decran-le-2025-07-21-a-10.39.10.jpg?resize=1024%2C673&amp;ssl=1 1024w, https:\/\/i0.wp.com\/itayachtscanada.com\/wp-content\/uploads\/2025\/07\/Capture-decran-le-2025-07-21-a-10.39.10.jpg?resize=768%2C505&amp;ssl=1 768w, https:\/\/i0.wp.com\/itayachtscanada.com\/wp-content\/uploads\/2025\/07\/Capture-decran-le-2025-07-21-a-10.39.10.jpg?resize=700%2C460&amp;ssl=1 700w, https:\/\/i0.wp.com\/itayachtscanada.com\/wp-content\/uploads\/2025\/07\/Capture-decran-le-2025-07-21-a-10.39.10.jpg?resize=608%2C400&amp;ssl=1 608w, https:\/\/i0.wp.com\/itayachtscanada.com\/wp-content\/uploads\/2025\/07\/Capture-decran-le-2025-07-21-a-10.39.10.jpg?w=1530&amp;ssl=1 1530w, https:\/\/i0.wp.com\/itayachtscanada.com\/wp-content\/uploads\/2025\/07\/Capture-decran-le-2025-07-21-a-10.39.10.jpg?w=1400&amp;ssl=1 1400w\" sizes=\"auto, (max-width: 300px) 100vw, 300px\" \/> <img data-recalc-dims=\"1\" loading=\"lazy\" decoding=\"async\" data-attachment-id=\"280959\" data-permalink=\"https:\/\/itayachtscanada.com\/fr\/listing\/maritimo-m55-2024-2890000-usd-for-sale\/capture-decran-le-2025-07-21-a-10-39-05\/\" data-orig-file=\"https:\/\/i0.wp.com\/itayachtscanada.com\/wp-content\/uploads\/2025\/07\/Capture-decran-le-2025-07-21-a-10.39.05.jpg?fit=1530%2C1006&amp;ssl=1\" data-orig-size=\"1530,1006\" data-comments-opened=\"1\" data-image-meta=\"{&quot;aperture&quot;:&quot;0&quot;,&quot;credit&quot;:&quot;&quot;,&quot;camera&quot;:&quot;&quot;,&quot;caption&quot;:&quot;&quot;,&quot;created_timestamp&quot;:&quot;0&quot;,&quot;copyright&quot;:&quot;&quot;,&quot;focal_length&quot;:&quot;0&quot;,&quot;iso&quot;:&quot;0&quot;,&quot;shutter_speed&quot;:&quot;0&quot;,&quot;title&quot;:&quot;&quot;,&quot;orientation&quot;:&quot;0&quot;}\" data-image-title=\"Capture d\u2019e\u0301cran, le 2025-07-21 a\u0300 10.39.05\" data-image-description=\"\" data-image-caption=\"\" data-large-file=\"https:\/\/i0.wp.com\/itayachtscanada.com\/wp-content\/uploads\/2025\/07\/Capture-decran-le-2025-07-21-a-10.39.05.jpg?fit=700%2C460&amp;ssl=1\" class=\"alignnone size-medium wp-image-280959\" src=\"https:\/\/i0.wp.com\/itayachtscanada.com\/wp-content\/uploads\/2025\/07\/Capture-decran-le-2025-07-21-a-10.39.05.jpg?resize=300%2C197&#038;ssl=1\" alt=\"\" width=\"300\" height=\"197\" srcset=\"https:\/\/i0.wp.com\/itayachtscanada.com\/wp-content\/uploads\/2025\/07\/Capture-decran-le-2025-07-21-a-10.39.05.jpg?resize=300%2C197&amp;ssl=1 300w, https:\/\/i0.wp.com\/itayachtscanada.com\/wp-content\/uploads\/2025\/07\/Capture-decran-le-2025-07-21-a-10.39.05.jpg?resize=1024%2C673&amp;ssl=1 1024w, https:\/\/i0.wp.com\/itayachtscanada.com\/wp-content\/uploads\/2025\/07\/Capture-decran-le-2025-07-21-a-10.39.05.jpg?resize=768%2C505&amp;ssl=1 768w, https:\/\/i0.wp.com\/itayachtscanada.com\/wp-content\/uploads\/2025\/07\/Capture-decran-le-2025-07-21-a-10.39.05.jpg?resize=700%2C460&amp;ssl=1 700w, https:\/\/i0.wp.com\/itayachtscanada.com\/wp-content\/uploads\/2025\/07\/Capture-decran-le-2025-07-21-a-10.39.05.jpg?resize=608%2C400&amp;ssl=1 608w, https:\/\/i0.wp.com\/itayachtscanada.com\/wp-content\/uploads\/2025\/07\/Capture-decran-le-2025-07-21-a-10.39.05.jpg?w=1530&amp;ssl=1 1530w, https:\/\/i0.wp.com\/itayachtscanada.com\/wp-content\/uploads\/2025\/07\/Capture-decran-le-2025-07-21-a-10.39.05.jpg?w=1400&amp;ssl=1 1400w\" sizes=\"auto, (max-width: 300px) 100vw, 300px\" \/> <img data-recalc-dims=\"1\" loading=\"lazy\" decoding=\"async\" data-attachment-id=\"280960\" data-permalink=\"https:\/\/itayachtscanada.com\/fr\/listing\/maritimo-m55-2024-2890000-usd-for-sale\/capture-decran-le-2025-07-21-a-10-39-01\/\" data-orig-file=\"https:\/\/i0.wp.com\/itayachtscanada.com\/wp-content\/uploads\/2025\/07\/Capture-decran-le-2025-07-21-a-10.39.01.jpg?fit=1530%2C1006&amp;ssl=1\" data-orig-size=\"1530,1006\" data-comments-opened=\"1\" data-image-meta=\"{&quot;aperture&quot;:&quot;0&quot;,&quot;credit&quot;:&quot;&quot;,&quot;camera&quot;:&quot;&quot;,&quot;caption&quot;:&quot;&quot;,&quot;created_timestamp&quot;:&quot;0&quot;,&quot;copyright&quot;:&quot;&quot;,&quot;focal_length&quot;:&quot;0&quot;,&quot;iso&quot;:&quot;0&quot;,&quot;shutter_speed&quot;:&quot;0&quot;,&quot;title&quot;:&quot;&quot;,&quot;orientation&quot;:&quot;0&quot;}\" data-image-title=\"Capture d\u2019e\u0301cran, le 2025-07-21 a\u0300 10.39.01\" data-image-description=\"\" data-image-caption=\"\" data-large-file=\"https:\/\/i0.wp.com\/itayachtscanada.com\/wp-content\/uploads\/2025\/07\/Capture-decran-le-2025-07-21-a-10.39.01.jpg?fit=700%2C460&amp;ssl=1\" class=\"alignnone size-medium wp-image-280960\" src=\"https:\/\/i0.wp.com\/itayachtscanada.com\/wp-content\/uploads\/2025\/07\/Capture-decran-le-2025-07-21-a-10.39.01.jpg?resize=300%2C197&#038;ssl=1\" alt=\"\" width=\"300\" height=\"197\" srcset=\"https:\/\/i0.wp.com\/itayachtscanada.com\/wp-content\/uploads\/2025\/07\/Capture-decran-le-2025-07-21-a-10.39.01.jpg?resize=300%2C197&amp;ssl=1 300w, https:\/\/i0.wp.com\/itayachtscanada.com\/wp-content\/uploads\/2025\/07\/Capture-decran-le-2025-07-21-a-10.39.01.jpg?resize=1024%2C673&amp;ssl=1 1024w, https:\/\/i0.wp.com\/itayachtscanada.com\/wp-content\/uploads\/2025\/07\/Capture-decran-le-2025-07-21-a-10.39.01.jpg?resize=768%2C505&amp;ssl=1 768w, https:\/\/i0.wp.com\/itayachtscanada.com\/wp-content\/uploads\/2025\/07\/Capture-decran-le-2025-07-21-a-10.39.01.jpg?resize=700%2C460&amp;ssl=1 700w, https:\/\/i0.wp.com\/itayachtscanada.com\/wp-content\/uploads\/2025\/07\/Capture-decran-le-2025-07-21-a-10.39.01.jpg?resize=608%2C400&amp;ssl=1 608w, https:\/\/i0.wp.com\/itayachtscanada.com\/wp-content\/uploads\/2025\/07\/Capture-decran-le-2025-07-21-a-10.39.01.jpg?w=1530&amp;ssl=1 1530w, https:\/\/i0.wp.com\/itayachtscanada.com\/wp-content\/uploads\/2025\/07\/Capture-decran-le-2025-07-21-a-10.39.01.jpg?w=1400&amp;ssl=1 1400w\" sizes=\"auto, (max-width: 300px) 100vw, 300px\" \/> <img data-recalc-dims=\"1\" loading=\"lazy\" decoding=\"async\" data-attachment-id=\"280961\" data-permalink=\"https:\/\/itayachtscanada.com\/fr\/listing\/maritimo-m55-2024-2890000-usd-for-sale\/capture-decran-le-2025-07-21-a-10-38-57\/\" data-orig-file=\"https:\/\/i0.wp.com\/itayachtscanada.com\/wp-content\/uploads\/2025\/07\/Capture-decran-le-2025-07-21-a-10.38.57.jpg?fit=1530%2C1006&amp;ssl=1\" data-orig-size=\"1530,1006\" data-comments-opened=\"1\" data-image-meta=\"{&quot;aperture&quot;:&quot;0&quot;,&quot;credit&quot;:&quot;&quot;,&quot;camera&quot;:&quot;&quot;,&quot;caption&quot;:&quot;&quot;,&quot;created_timestamp&quot;:&quot;0&quot;,&quot;copyright&quot;:&quot;&quot;,&quot;focal_length&quot;:&quot;0&quot;,&quot;iso&quot;:&quot;0&quot;,&quot;shutter_speed&quot;:&quot;0&quot;,&quot;title&quot;:&quot;&quot;,&quot;orientation&quot;:&quot;0&quot;}\" data-image-title=\"Capture d\u2019e\u0301cran, le 2025-07-21 a\u0300 10.38.57\" data-image-description=\"\" data-image-caption=\"\" data-large-file=\"https:\/\/i0.wp.com\/itayachtscanada.com\/wp-content\/uploads\/2025\/07\/Capture-decran-le-2025-07-21-a-10.38.57.jpg?fit=700%2C460&amp;ssl=1\" class=\"alignnone size-medium wp-image-280961\" src=\"https:\/\/i0.wp.com\/itayachtscanada.com\/wp-content\/uploads\/2025\/07\/Capture-decran-le-2025-07-21-a-10.38.57.jpg?resize=300%2C197&#038;ssl=1\" alt=\"\" width=\"300\" height=\"197\" srcset=\"https:\/\/i0.wp.com\/itayachtscanada.com\/wp-content\/uploads\/2025\/07\/Capture-decran-le-2025-07-21-a-10.38.57.jpg?resize=300%2C197&amp;ssl=1 300w, https:\/\/i0.wp.com\/itayachtscanada.com\/wp-content\/uploads\/2025\/07\/Capture-decran-le-2025-07-21-a-10.38.57.jpg?resize=1024%2C673&amp;ssl=1 1024w, https:\/\/i0.wp.com\/itayachtscanada.com\/wp-content\/uploads\/2025\/07\/Capture-decran-le-2025-07-21-a-10.38.57.jpg?resize=768%2C505&amp;ssl=1 768w, https:\/\/i0.wp.com\/itayachtscanada.com\/wp-content\/uploads\/2025\/07\/Capture-decran-le-2025-07-21-a-10.38.57.jpg?resize=700%2C460&amp;ssl=1 700w, https:\/\/i0.wp.com\/itayachtscanada.com\/wp-content\/uploads\/2025\/07\/Capture-decran-le-2025-07-21-a-10.38.57.jpg?resize=608%2C400&amp;ssl=1 608w, https:\/\/i0.wp.com\/itayachtscanada.com\/wp-content\/uploads\/2025\/07\/Capture-decran-le-2025-07-21-a-10.38.57.jpg?w=1530&amp;ssl=1 1530w, https:\/\/i0.wp.com\/itayachtscanada.com\/wp-content\/uploads\/2025\/07\/Capture-decran-le-2025-07-21-a-10.38.57.jpg?w=1400&amp;ssl=1 1400w\" sizes=\"auto, (max-width: 300px) 100vw, 300px\" \/> <img data-recalc-dims=\"1\" loading=\"lazy\" decoding=\"async\" data-attachment-id=\"280962\" data-permalink=\"https:\/\/itayachtscanada.com\/fr\/listing\/maritimo-m55-2024-2890000-usd-for-sale\/capture-decran-le-2025-07-21-a-10-38-48\/\" data-orig-file=\"https:\/\/i0.wp.com\/itayachtscanada.com\/wp-content\/uploads\/2025\/07\/Capture-decran-le-2025-07-21-a-10.38.48.jpg?fit=1530%2C1006&amp;ssl=1\" data-orig-size=\"1530,1006\" data-comments-opened=\"1\" data-image-meta=\"{&quot;aperture&quot;:&quot;0&quot;,&quot;credit&quot;:&quot;&quot;,&quot;camera&quot;:&quot;&quot;,&quot;caption&quot;:&quot;&quot;,&quot;created_timestamp&quot;:&quot;0&quot;,&quot;copyright&quot;:&quot;&quot;,&quot;focal_length&quot;:&quot;0&quot;,&quot;iso&quot;:&quot;0&quot;,&quot;shutter_speed&quot;:&quot;0&quot;,&quot;title&quot;:&quot;&quot;,&quot;orientation&quot;:&quot;0&quot;}\" data-image-title=\"Capture d\u2019e\u0301cran, le 2025-07-21 a\u0300 10.38.48\" data-image-description=\"\" data-image-caption=\"\" data-large-file=\"https:\/\/i0.wp.com\/itayachtscanada.com\/wp-content\/uploads\/2025\/07\/Capture-decran-le-2025-07-21-a-10.38.48.jpg?fit=700%2C460&amp;ssl=1\" class=\"alignnone size-medium wp-image-280962\" src=\"https:\/\/i0.wp.com\/itayachtscanada.com\/wp-content\/uploads\/2025\/07\/Capture-decran-le-2025-07-21-a-10.38.48.jpg?resize=300%2C197&#038;ssl=1\" alt=\"\" width=\"300\" height=\"197\" srcset=\"https:\/\/i0.wp.com\/itayachtscanada.com\/wp-content\/uploads\/2025\/07\/Capture-decran-le-2025-07-21-a-10.38.48.jpg?resize=300%2C197&amp;ssl=1 300w, https:\/\/i0.wp.com\/itayachtscanada.com\/wp-content\/uploads\/2025\/07\/Capture-decran-le-2025-07-21-a-10.38.48.jpg?resize=1024%2C673&amp;ssl=1 1024w, https:\/\/i0.wp.com\/itayachtscanada.com\/wp-content\/uploads\/2025\/07\/Capture-decran-le-2025-07-21-a-10.38.48.jpg?resize=768%2C505&amp;ssl=1 768w, https:\/\/i0.wp.com\/itayachtscanada.com\/wp-content\/uploads\/2025\/07\/Capture-decran-le-2025-07-21-a-10.38.48.jpg?resize=700%2C460&amp;ssl=1 700w, https:\/\/i0.wp.com\/itayachtscanada.com\/wp-content\/uploads\/2025\/07\/Capture-decran-le-2025-07-21-a-10.38.48.jpg?resize=608%2C400&amp;ssl=1 608w, https:\/\/i0.wp.com\/itayachtscanada.com\/wp-content\/uploads\/2025\/07\/Capture-decran-le-2025-07-21-a-10.38.48.jpg?w=1530&amp;ssl=1 1530w, https:\/\/i0.wp.com\/itayachtscanada.com\/wp-content\/uploads\/2025\/07\/Capture-decran-le-2025-07-21-a-10.38.48.jpg?w=1400&amp;ssl=1 1400w\" sizes=\"auto, (max-width: 300px) 100vw, 300px\" \/> <img data-recalc-dims=\"1\" loading=\"lazy\" decoding=\"async\" data-attachment-id=\"280963\" data-permalink=\"https:\/\/itayachtscanada.com\/fr\/listing\/maritimo-m55-2024-2890000-usd-for-sale\/capture-decran-le-2025-07-21-a-10-38-38\/\" data-orig-file=\"https:\/\/i0.wp.com\/itayachtscanada.com\/wp-content\/uploads\/2025\/07\/Capture-decran-le-2025-07-21-a-10.38.38.jpg?fit=682%2C1006&amp;ssl=1\" data-orig-size=\"682,1006\" data-comments-opened=\"1\" data-image-meta=\"{&quot;aperture&quot;:&quot;0&quot;,&quot;credit&quot;:&quot;&quot;,&quot;camera&quot;:&quot;&quot;,&quot;caption&quot;:&quot;&quot;,&quot;created_timestamp&quot;:&quot;0&quot;,&quot;copyright&quot;:&quot;&quot;,&quot;focal_length&quot;:&quot;0&quot;,&quot;iso&quot;:&quot;0&quot;,&quot;shutter_speed&quot;:&quot;0&quot;,&quot;title&quot;:&quot;&quot;,&quot;orientation&quot;:&quot;0&quot;}\" data-image-title=\"Capture d\u2019e\u0301cran, le 2025-07-21 a\u0300 10.38.38\" data-image-description=\"\" data-image-caption=\"\" data-large-file=\"https:\/\/i0.wp.com\/itayachtscanada.com\/wp-content\/uploads\/2025\/07\/Capture-decran-le-2025-07-21-a-10.38.38.jpg?fit=682%2C1006&amp;ssl=1\" class=\"alignnone size-medium wp-image-280963\" src=\"https:\/\/i0.wp.com\/itayachtscanada.com\/wp-content\/uploads\/2025\/07\/Capture-decran-le-2025-07-21-a-10.38.38.jpg?resize=203%2C300&#038;ssl=1\" alt=\"\" width=\"203\" height=\"300\" srcset=\"https:\/\/i0.wp.com\/itayachtscanada.com\/wp-content\/uploads\/2025\/07\/Capture-decran-le-2025-07-21-a-10.38.38.jpg?resize=203%2C300&amp;ssl=1 203w, https:\/\/i0.wp.com\/itayachtscanada.com\/wp-content\/uploads\/2025\/07\/Capture-decran-le-2025-07-21-a-10.38.38.jpg?resize=271%2C400&amp;ssl=1 271w, https:\/\/i0.wp.com\/itayachtscanada.com\/wp-content\/uploads\/2025\/07\/Capture-decran-le-2025-07-21-a-10.38.38.jpg?w=682&amp;ssl=1 682w\" sizes=\"auto, (max-width: 203px) 100vw, 203px\" \/> <img data-recalc-dims=\"1\" loading=\"lazy\" decoding=\"async\" data-attachment-id=\"280964\" data-permalink=\"https:\/\/itayachtscanada.com\/fr\/listing\/maritimo-m55-2024-2890000-usd-for-sale\/capture-decran-le-2025-07-21-a-10-38-34\/\" data-orig-file=\"https:\/\/i0.wp.com\/itayachtscanada.com\/wp-content\/uploads\/2025\/07\/Capture-decran-le-2025-07-21-a-10.38.34.jpg?fit=1528%2C1006&amp;ssl=1\" data-orig-size=\"1528,1006\" data-comments-opened=\"1\" data-image-meta=\"{&quot;aperture&quot;:&quot;0&quot;,&quot;credit&quot;:&quot;&quot;,&quot;camera&quot;:&quot;&quot;,&quot;caption&quot;:&quot;&quot;,&quot;created_timestamp&quot;:&quot;0&quot;,&quot;copyright&quot;:&quot;&quot;,&quot;focal_length&quot;:&quot;0&quot;,&quot;iso&quot;:&quot;0&quot;,&quot;shutter_speed&quot;:&quot;0&quot;,&quot;title&quot;:&quot;&quot;,&quot;orientation&quot;:&quot;0&quot;}\" data-image-title=\"Capture d\u2019e\u0301cran, le 2025-07-21 a\u0300 10.38.34\" data-image-description=\"\" data-image-caption=\"\" data-large-file=\"https:\/\/i0.wp.com\/itayachtscanada.com\/wp-content\/uploads\/2025\/07\/Capture-decran-le-2025-07-21-a-10.38.34.jpg?fit=700%2C461&amp;ssl=1\" class=\"alignnone size-medium wp-image-280964\" src=\"https:\/\/i0.wp.com\/itayachtscanada.com\/wp-content\/uploads\/2025\/07\/Capture-decran-le-2025-07-21-a-10.38.34.jpg?resize=300%2C198&#038;ssl=1\" alt=\"\" width=\"300\" height=\"198\" srcset=\"https:\/\/i0.wp.com\/itayachtscanada.com\/wp-content\/uploads\/2025\/07\/Capture-decran-le-2025-07-21-a-10.38.34.jpg?resize=300%2C198&amp;ssl=1 300w, https:\/\/i0.wp.com\/itayachtscanada.com\/wp-content\/uploads\/2025\/07\/Capture-decran-le-2025-07-21-a-10.38.34.jpg?resize=1024%2C674&amp;ssl=1 1024w, https:\/\/i0.wp.com\/itayachtscanada.com\/wp-content\/uploads\/2025\/07\/Capture-decran-le-2025-07-21-a-10.38.34.jpg?resize=768%2C506&amp;ssl=1 768w, https:\/\/i0.wp.com\/itayachtscanada.com\/wp-content\/uploads\/2025\/07\/Capture-decran-le-2025-07-21-a-10.38.34.jpg?resize=700%2C461&amp;ssl=1 700w, https:\/\/i0.wp.com\/itayachtscanada.com\/wp-content\/uploads\/2025\/07\/Capture-decran-le-2025-07-21-a-10.38.34.jpg?resize=608%2C400&amp;ssl=1 608w, https:\/\/i0.wp.com\/itayachtscanada.com\/wp-content\/uploads\/2025\/07\/Capture-decran-le-2025-07-21-a-10.38.34.jpg?w=1528&amp;ssl=1 1528w, https:\/\/i0.wp.com\/itayachtscanada.com\/wp-content\/uploads\/2025\/07\/Capture-decran-le-2025-07-21-a-10.38.34.jpg?w=1400&amp;ssl=1 1400w\" sizes=\"auto, (max-width: 300px) 100vw, 300px\" \/> <img data-recalc-dims=\"1\" loading=\"lazy\" decoding=\"async\" data-attachment-id=\"280965\" data-permalink=\"https:\/\/itayachtscanada.com\/fr\/listing\/maritimo-m55-2024-2890000-usd-for-sale\/capture-decran-le-2025-07-21-a-10-38-29\/\" data-orig-file=\"https:\/\/i0.wp.com\/itayachtscanada.com\/wp-content\/uploads\/2025\/07\/Capture-decran-le-2025-07-21-a-10.38.29.jpg?fit=1528%2C1006&amp;ssl=1\" data-orig-size=\"1528,1006\" data-comments-opened=\"1\" data-image-meta=\"{&quot;aperture&quot;:&quot;0&quot;,&quot;credit&quot;:&quot;&quot;,&quot;camera&quot;:&quot;&quot;,&quot;caption&quot;:&quot;&quot;,&quot;created_timestamp&quot;:&quot;0&quot;,&quot;copyright&quot;:&quot;&quot;,&quot;focal_length&quot;:&quot;0&quot;,&quot;iso&quot;:&quot;0&quot;,&quot;shutter_speed&quot;:&quot;0&quot;,&quot;title&quot;:&quot;&quot;,&quot;orientation&quot;:&quot;0&quot;}\" data-image-title=\"Capture d\u2019e\u0301cran, le 2025-07-21 a\u0300 10.38.29\" data-image-description=\"\" data-image-caption=\"\" data-large-file=\"https:\/\/i0.wp.com\/itayachtscanada.com\/wp-content\/uploads\/2025\/07\/Capture-decran-le-2025-07-21-a-10.38.29.jpg?fit=700%2C461&amp;ssl=1\" class=\"alignnone size-medium wp-image-280965\" src=\"https:\/\/i0.wp.com\/itayachtscanada.com\/wp-content\/uploads\/2025\/07\/Capture-decran-le-2025-07-21-a-10.38.29.jpg?resize=300%2C198&#038;ssl=1\" alt=\"\" width=\"300\" height=\"198\" srcset=\"https:\/\/i0.wp.com\/itayachtscanada.com\/wp-content\/uploads\/2025\/07\/Capture-decran-le-2025-07-21-a-10.38.29.jpg?resize=300%2C198&amp;ssl=1 300w, https:\/\/i0.wp.com\/itayachtscanada.com\/wp-content\/uploads\/2025\/07\/Capture-decran-le-2025-07-21-a-10.38.29.jpg?resize=1024%2C674&amp;ssl=1 1024w, https:\/\/i0.wp.com\/itayachtscanada.com\/wp-content\/uploads\/2025\/07\/Capture-decran-le-2025-07-21-a-10.38.29.jpg?resize=768%2C506&amp;ssl=1 768w, https:\/\/i0.wp.com\/itayachtscanada.com\/wp-content\/uploads\/2025\/07\/Capture-decran-le-2025-07-21-a-10.38.29.jpg?resize=700%2C461&amp;ssl=1 700w, https:\/\/i0.wp.com\/itayachtscanada.com\/wp-content\/uploads\/2025\/07\/Capture-decran-le-2025-07-21-a-10.38.29.jpg?resize=608%2C400&amp;ssl=1 608w, https:\/\/i0.wp.com\/itayachtscanada.com\/wp-content\/uploads\/2025\/07\/Capture-decran-le-2025-07-21-a-10.38.29.jpg?w=1528&amp;ssl=1 1528w, https:\/\/i0.wp.com\/itayachtscanada.com\/wp-content\/uploads\/2025\/07\/Capture-decran-le-2025-07-21-a-10.38.29.jpg?w=1400&amp;ssl=1 1400w\" sizes=\"auto, (max-width: 300px) 100vw, 300px\" \/> <img data-recalc-dims=\"1\" loading=\"lazy\" decoding=\"async\" data-attachment-id=\"280966\" data-permalink=\"https:\/\/itayachtscanada.com\/fr\/listing\/maritimo-m55-2024-2890000-usd-for-sale\/capture-decran-le-2025-07-21-a-10-38-25\/\" data-orig-file=\"https:\/\/i0.wp.com\/itayachtscanada.com\/wp-content\/uploads\/2025\/07\/Capture-decran-le-2025-07-21-a-10.38.25.jpg?fit=1528%2C1006&amp;ssl=1\" data-orig-size=\"1528,1006\" data-comments-opened=\"1\" data-image-meta=\"{&quot;aperture&quot;:&quot;0&quot;,&quot;credit&quot;:&quot;&quot;,&quot;camera&quot;:&quot;&quot;,&quot;caption&quot;:&quot;&quot;,&quot;created_timestamp&quot;:&quot;0&quot;,&quot;copyright&quot;:&quot;&quot;,&quot;focal_length&quot;:&quot;0&quot;,&quot;iso&quot;:&quot;0&quot;,&quot;shutter_speed&quot;:&quot;0&quot;,&quot;title&quot;:&quot;&quot;,&quot;orientation&quot;:&quot;0&quot;}\" data-image-title=\"Capture d\u2019e\u0301cran, le 2025-07-21 a\u0300 10.38.25\" data-image-description=\"\" data-image-caption=\"\" data-large-file=\"https:\/\/i0.wp.com\/itayachtscanada.com\/wp-content\/uploads\/2025\/07\/Capture-decran-le-2025-07-21-a-10.38.25.jpg?fit=700%2C461&amp;ssl=1\" class=\"alignnone size-medium wp-image-280966\" src=\"https:\/\/i0.wp.com\/itayachtscanada.com\/wp-content\/uploads\/2025\/07\/Capture-decran-le-2025-07-21-a-10.38.25.jpg?resize=300%2C198&#038;ssl=1\" alt=\"\" width=\"300\" height=\"198\" srcset=\"https:\/\/i0.wp.com\/itayachtscanada.com\/wp-content\/uploads\/2025\/07\/Capture-decran-le-2025-07-21-a-10.38.25.jpg?resize=300%2C198&amp;ssl=1 300w, https:\/\/i0.wp.com\/itayachtscanada.com\/wp-content\/uploads\/2025\/07\/Capture-decran-le-2025-07-21-a-10.38.25.jpg?resize=1024%2C674&amp;ssl=1 1024w, https:\/\/i0.wp.com\/itayachtscanada.com\/wp-content\/uploads\/2025\/07\/Capture-decran-le-2025-07-21-a-10.38.25.jpg?resize=768%2C506&amp;ssl=1 768w, https:\/\/i0.wp.com\/itayachtscanada.com\/wp-content\/uploads\/2025\/07\/Capture-decran-le-2025-07-21-a-10.38.25.jpg?resize=700%2C461&amp;ssl=1 700w, https:\/\/i0.wp.com\/itayachtscanada.com\/wp-content\/uploads\/2025\/07\/Capture-decran-le-2025-07-21-a-10.38.25.jpg?resize=608%2C400&amp;ssl=1 608w, https:\/\/i0.wp.com\/itayachtscanada.com\/wp-content\/uploads\/2025\/07\/Capture-decran-le-2025-07-21-a-10.38.25.jpg?w=1528&amp;ssl=1 1528w, https:\/\/i0.wp.com\/itayachtscanada.com\/wp-content\/uploads\/2025\/07\/Capture-decran-le-2025-07-21-a-10.38.25.jpg?w=1400&amp;ssl=1 1400w\" sizes=\"auto, (max-width: 300px) 100vw, 300px\" \/> <img data-recalc-dims=\"1\" loading=\"lazy\" decoding=\"async\" data-attachment-id=\"280967\" data-permalink=\"https:\/\/itayachtscanada.com\/fr\/listing\/maritimo-m55-2024-2890000-usd-for-sale\/capture-decran-le-2025-07-21-a-10-38-20\/\" data-orig-file=\"https:\/\/i0.wp.com\/itayachtscanada.com\/wp-content\/uploads\/2025\/07\/Capture-decran-le-2025-07-21-a-10.38.20.jpg?fit=1528%2C1006&amp;ssl=1\" data-orig-size=\"1528,1006\" data-comments-opened=\"1\" data-image-meta=\"{&quot;aperture&quot;:&quot;0&quot;,&quot;credit&quot;:&quot;&quot;,&quot;camera&quot;:&quot;&quot;,&quot;caption&quot;:&quot;&quot;,&quot;created_timestamp&quot;:&quot;0&quot;,&quot;copyright&quot;:&quot;&quot;,&quot;focal_length&quot;:&quot;0&quot;,&quot;iso&quot;:&quot;0&quot;,&quot;shutter_speed&quot;:&quot;0&quot;,&quot;title&quot;:&quot;&quot;,&quot;orientation&quot;:&quot;0&quot;}\" data-image-title=\"Capture d\u2019e\u0301cran, le 2025-07-21 a\u0300 10.38.20\" data-image-description=\"\" data-image-caption=\"\" data-large-file=\"https:\/\/i0.wp.com\/itayachtscanada.com\/wp-content\/uploads\/2025\/07\/Capture-decran-le-2025-07-21-a-10.38.20.jpg?fit=700%2C461&amp;ssl=1\" class=\"alignnone size-medium wp-image-280967\" src=\"https:\/\/i0.wp.com\/itayachtscanada.com\/wp-content\/uploads\/2025\/07\/Capture-decran-le-2025-07-21-a-10.38.20.jpg?resize=300%2C198&#038;ssl=1\" alt=\"\" width=\"300\" height=\"198\" srcset=\"https:\/\/i0.wp.com\/itayachtscanada.com\/wp-content\/uploads\/2025\/07\/Capture-decran-le-2025-07-21-a-10.38.20.jpg?resize=300%2C198&amp;ssl=1 300w, https:\/\/i0.wp.com\/itayachtscanada.com\/wp-content\/uploads\/2025\/07\/Capture-decran-le-2025-07-21-a-10.38.20.jpg?resize=1024%2C674&amp;ssl=1 1024w, https:\/\/i0.wp.com\/itayachtscanada.com\/wp-content\/uploads\/2025\/07\/Capture-decran-le-2025-07-21-a-10.38.20.jpg?resize=768%2C506&amp;ssl=1 768w, https:\/\/i0.wp.com\/itayachtscanada.com\/wp-content\/uploads\/2025\/07\/Capture-decran-le-2025-07-21-a-10.38.20.jpg?resize=700%2C461&amp;ssl=1 700w, https:\/\/i0.wp.com\/itayachtscanada.com\/wp-content\/uploads\/2025\/07\/Capture-decran-le-2025-07-21-a-10.38.20.jpg?resize=608%2C400&amp;ssl=1 608w, https:\/\/i0.wp.com\/itayachtscanada.com\/wp-content\/uploads\/2025\/07\/Capture-decran-le-2025-07-21-a-10.38.20.jpg?w=1528&amp;ssl=1 1528w, https:\/\/i0.wp.com\/itayachtscanada.com\/wp-content\/uploads\/2025\/07\/Capture-decran-le-2025-07-21-a-10.38.20.jpg?w=1400&amp;ssl=1 1400w\" sizes=\"auto, (max-width: 300px) 100vw, 300px\" \/> <img data-recalc-dims=\"1\" loading=\"lazy\" decoding=\"async\" data-attachment-id=\"280968\" data-permalink=\"https:\/\/itayachtscanada.com\/fr\/listing\/maritimo-m55-2024-2890000-usd-for-sale\/capture-decran-le-2025-07-21-a-10-38-11\/\" data-orig-file=\"https:\/\/i0.wp.com\/itayachtscanada.com\/wp-content\/uploads\/2025\/07\/Capture-decran-le-2025-07-21-a-10.38.11.jpg?fit=1528%2C1006&amp;ssl=1\" data-orig-size=\"1528,1006\" data-comments-opened=\"1\" data-image-meta=\"{&quot;aperture&quot;:&quot;0&quot;,&quot;credit&quot;:&quot;&quot;,&quot;camera&quot;:&quot;&quot;,&quot;caption&quot;:&quot;&quot;,&quot;created_timestamp&quot;:&quot;0&quot;,&quot;copyright&quot;:&quot;&quot;,&quot;focal_length&quot;:&quot;0&quot;,&quot;iso&quot;:&quot;0&quot;,&quot;shutter_speed&quot;:&quot;0&quot;,&quot;title&quot;:&quot;&quot;,&quot;orientation&quot;:&quot;0&quot;}\" data-image-title=\"Capture d\u2019e\u0301cran, le 2025-07-21 a\u0300 10.38.11\" data-image-description=\"\" data-image-caption=\"\" data-large-file=\"https:\/\/i0.wp.com\/itayachtscanada.com\/wp-content\/uploads\/2025\/07\/Capture-decran-le-2025-07-21-a-10.38.11.jpg?fit=700%2C461&amp;ssl=1\" class=\"alignnone size-medium wp-image-280968\" src=\"https:\/\/i0.wp.com\/itayachtscanada.com\/wp-content\/uploads\/2025\/07\/Capture-decran-le-2025-07-21-a-10.38.11.jpg?resize=300%2C198&#038;ssl=1\" alt=\"\" width=\"300\" height=\"198\" srcset=\"https:\/\/i0.wp.com\/itayachtscanada.com\/wp-content\/uploads\/2025\/07\/Capture-decran-le-2025-07-21-a-10.38.11.jpg?resize=300%2C198&amp;ssl=1 300w, https:\/\/i0.wp.com\/itayachtscanada.com\/wp-content\/uploads\/2025\/07\/Capture-decran-le-2025-07-21-a-10.38.11.jpg?resize=1024%2C674&amp;ssl=1 1024w, https:\/\/i0.wp.com\/itayachtscanada.com\/wp-content\/uploads\/2025\/07\/Capture-decran-le-2025-07-21-a-10.38.11.jpg?resize=768%2C506&amp;ssl=1 768w, https:\/\/i0.wp.com\/itayachtscanada.com\/wp-content\/uploads\/2025\/07\/Capture-decran-le-2025-07-21-a-10.38.11.jpg?resize=700%2C461&amp;ssl=1 700w, https:\/\/i0.wp.com\/itayachtscanada.com\/wp-content\/uploads\/2025\/07\/Capture-decran-le-2025-07-21-a-10.38.11.jpg?resize=608%2C400&amp;ssl=1 608w, https:\/\/i0.wp.com\/itayachtscanada.com\/wp-content\/uploads\/2025\/07\/Capture-decran-le-2025-07-21-a-10.38.11.jpg?w=1528&amp;ssl=1 1528w, https:\/\/i0.wp.com\/itayachtscanada.com\/wp-content\/uploads\/2025\/07\/Capture-decran-le-2025-07-21-a-10.38.11.jpg?w=1400&amp;ssl=1 1400w\" sizes=\"auto, (max-width: 300px) 100vw, 300px\" \/> <img data-recalc-dims=\"1\" loading=\"lazy\" decoding=\"async\" data-attachment-id=\"280969\" data-permalink=\"https:\/\/itayachtscanada.com\/fr\/listing\/maritimo-m55-2024-2890000-usd-for-sale\/capture-decran-le-2025-07-21-a-10-38-06\/\" data-orig-file=\"https:\/\/i0.wp.com\/itayachtscanada.com\/wp-content\/uploads\/2025\/07\/Capture-decran-le-2025-07-21-a-10.38.06.jpg?fit=1528%2C1006&amp;ssl=1\" data-orig-size=\"1528,1006\" data-comments-opened=\"1\" data-image-meta=\"{&quot;aperture&quot;:&quot;0&quot;,&quot;credit&quot;:&quot;&quot;,&quot;camera&quot;:&quot;&quot;,&quot;caption&quot;:&quot;&quot;,&quot;created_timestamp&quot;:&quot;0&quot;,&quot;copyright&quot;:&quot;&quot;,&quot;focal_length&quot;:&quot;0&quot;,&quot;iso&quot;:&quot;0&quot;,&quot;shutter_speed&quot;:&quot;0&quot;,&quot;title&quot;:&quot;&quot;,&quot;orientation&quot;:&quot;0&quot;}\" data-image-title=\"Capture d\u2019e\u0301cran, le 2025-07-21 a\u0300 10.38.06\" data-image-description=\"\" data-image-caption=\"\" data-large-file=\"https:\/\/i0.wp.com\/itayachtscanada.com\/wp-content\/uploads\/2025\/07\/Capture-decran-le-2025-07-21-a-10.38.06.jpg?fit=700%2C461&amp;ssl=1\" class=\"alignnone size-medium wp-image-280969\" src=\"https:\/\/i0.wp.com\/itayachtscanada.com\/wp-content\/uploads\/2025\/07\/Capture-decran-le-2025-07-21-a-10.38.06.jpg?resize=300%2C198&#038;ssl=1\" alt=\"\" width=\"300\" height=\"198\" srcset=\"https:\/\/i0.wp.com\/itayachtscanada.com\/wp-content\/uploads\/2025\/07\/Capture-decran-le-2025-07-21-a-10.38.06.jpg?resize=300%2C198&amp;ssl=1 300w, https:\/\/i0.wp.com\/itayachtscanada.com\/wp-content\/uploads\/2025\/07\/Capture-decran-le-2025-07-21-a-10.38.06.jpg?resize=1024%2C674&amp;ssl=1 1024w, https:\/\/i0.wp.com\/itayachtscanada.com\/wp-content\/uploads\/2025\/07\/Capture-decran-le-2025-07-21-a-10.38.06.jpg?resize=768%2C506&amp;ssl=1 768w, https:\/\/i0.wp.com\/itayachtscanada.com\/wp-content\/uploads\/2025\/07\/Capture-decran-le-2025-07-21-a-10.38.06.jpg?resize=700%2C461&amp;ssl=1 700w, https:\/\/i0.wp.com\/itayachtscanada.com\/wp-content\/uploads\/2025\/07\/Capture-decran-le-2025-07-21-a-10.38.06.jpg?resize=608%2C400&amp;ssl=1 608w, https:\/\/i0.wp.com\/itayachtscanada.com\/wp-content\/uploads\/2025\/07\/Capture-decran-le-2025-07-21-a-10.38.06.jpg?w=1528&amp;ssl=1 1528w, https:\/\/i0.wp.com\/itayachtscanada.com\/wp-content\/uploads\/2025\/07\/Capture-decran-le-2025-07-21-a-10.38.06.jpg?w=1400&amp;ssl=1 1400w\" sizes=\"auto, (max-width: 300px) 100vw, 300px\" \/> <img data-recalc-dims=\"1\" loading=\"lazy\" decoding=\"async\" data-attachment-id=\"280970\" data-permalink=\"https:\/\/itayachtscanada.com\/fr\/listing\/maritimo-m55-2024-2890000-usd-for-sale\/capture-decran-le-2025-07-21-a-10-38-01\/\" data-orig-file=\"https:\/\/i0.wp.com\/itayachtscanada.com\/wp-content\/uploads\/2025\/07\/Capture-decran-le-2025-07-21-a-10.38.01.jpg?fit=1528%2C1006&amp;ssl=1\" data-orig-size=\"1528,1006\" data-comments-opened=\"1\" data-image-meta=\"{&quot;aperture&quot;:&quot;0&quot;,&quot;credit&quot;:&quot;&quot;,&quot;camera&quot;:&quot;&quot;,&quot;caption&quot;:&quot;&quot;,&quot;created_timestamp&quot;:&quot;0&quot;,&quot;copyright&quot;:&quot;&quot;,&quot;focal_length&quot;:&quot;0&quot;,&quot;iso&quot;:&quot;0&quot;,&quot;shutter_speed&quot;:&quot;0&quot;,&quot;title&quot;:&quot;&quot;,&quot;orientation&quot;:&quot;0&quot;}\" data-image-title=\"Capture d\u2019e\u0301cran, le 2025-07-21 a\u0300 10.38.01\" data-image-description=\"\" data-image-caption=\"\" data-large-file=\"https:\/\/i0.wp.com\/itayachtscanada.com\/wp-content\/uploads\/2025\/07\/Capture-decran-le-2025-07-21-a-10.38.01.jpg?fit=700%2C461&amp;ssl=1\" class=\"alignnone size-medium wp-image-280970\" src=\"https:\/\/i0.wp.com\/itayachtscanada.com\/wp-content\/uploads\/2025\/07\/Capture-decran-le-2025-07-21-a-10.38.01.jpg?resize=300%2C198&#038;ssl=1\" alt=\"\" width=\"300\" height=\"198\" srcset=\"https:\/\/i0.wp.com\/itayachtscanada.com\/wp-content\/uploads\/2025\/07\/Capture-decran-le-2025-07-21-a-10.38.01.jpg?resize=300%2C198&amp;ssl=1 300w, https:\/\/i0.wp.com\/itayachtscanada.com\/wp-content\/uploads\/2025\/07\/Capture-decran-le-2025-07-21-a-10.38.01.jpg?resize=1024%2C674&amp;ssl=1 1024w, https:\/\/i0.wp.com\/itayachtscanada.com\/wp-content\/uploads\/2025\/07\/Capture-decran-le-2025-07-21-a-10.38.01.jpg?resize=768%2C506&amp;ssl=1 768w, https:\/\/i0.wp.com\/itayachtscanada.com\/wp-content\/uploads\/2025\/07\/Capture-decran-le-2025-07-21-a-10.38.01.jpg?resize=700%2C461&amp;ssl=1 700w, https:\/\/i0.wp.com\/itayachtscanada.com\/wp-content\/uploads\/2025\/07\/Capture-decran-le-2025-07-21-a-10.38.01.jpg?resize=608%2C400&amp;ssl=1 608w, https:\/\/i0.wp.com\/itayachtscanada.com\/wp-content\/uploads\/2025\/07\/Capture-decran-le-2025-07-21-a-10.38.01.jpg?w=1528&amp;ssl=1 1528w, https:\/\/i0.wp.com\/itayachtscanada.com\/wp-content\/uploads\/2025\/07\/Capture-decran-le-2025-07-21-a-10.38.01.jpg?w=1400&amp;ssl=1 1400w\" sizes=\"auto, (max-width: 300px) 100vw, 300px\" \/> <img data-recalc-dims=\"1\" loading=\"lazy\" decoding=\"async\" data-attachment-id=\"280971\" data-permalink=\"https:\/\/itayachtscanada.com\/fr\/listing\/maritimo-m55-2024-2890000-usd-for-sale\/capture-decran-le-2025-07-21-a-10-37-57\/\" data-orig-file=\"https:\/\/i0.wp.com\/itayachtscanada.com\/wp-content\/uploads\/2025\/07\/Capture-decran-le-2025-07-21-a-10.37.57.jpg?fit=1528%2C1006&amp;ssl=1\" data-orig-size=\"1528,1006\" data-comments-opened=\"1\" data-image-meta=\"{&quot;aperture&quot;:&quot;0&quot;,&quot;credit&quot;:&quot;&quot;,&quot;camera&quot;:&quot;&quot;,&quot;caption&quot;:&quot;&quot;,&quot;created_timestamp&quot;:&quot;0&quot;,&quot;copyright&quot;:&quot;&quot;,&quot;focal_length&quot;:&quot;0&quot;,&quot;iso&quot;:&quot;0&quot;,&quot;shutter_speed&quot;:&quot;0&quot;,&quot;title&quot;:&quot;&quot;,&quot;orientation&quot;:&quot;0&quot;}\" data-image-title=\"Capture d\u2019e\u0301cran, le 2025-07-21 a\u0300 10.37.57\" data-image-description=\"\" data-image-caption=\"\" data-large-file=\"https:\/\/i0.wp.com\/itayachtscanada.com\/wp-content\/uploads\/2025\/07\/Capture-decran-le-2025-07-21-a-10.37.57.jpg?fit=700%2C461&amp;ssl=1\" class=\"alignnone size-medium wp-image-280971\" src=\"https:\/\/i0.wp.com\/itayachtscanada.com\/wp-content\/uploads\/2025\/07\/Capture-decran-le-2025-07-21-a-10.37.57.jpg?resize=300%2C198&#038;ssl=1\" alt=\"\" width=\"300\" height=\"198\" srcset=\"https:\/\/i0.wp.com\/itayachtscanada.com\/wp-content\/uploads\/2025\/07\/Capture-decran-le-2025-07-21-a-10.37.57.jpg?resize=300%2C198&amp;ssl=1 300w, https:\/\/i0.wp.com\/itayachtscanada.com\/wp-content\/uploads\/2025\/07\/Capture-decran-le-2025-07-21-a-10.37.57.jpg?resize=1024%2C674&amp;ssl=1 1024w, https:\/\/i0.wp.com\/itayachtscanada.com\/wp-content\/uploads\/2025\/07\/Capture-decran-le-2025-07-21-a-10.37.57.jpg?resize=768%2C506&amp;ssl=1 768w, https:\/\/i0.wp.com\/itayachtscanada.com\/wp-content\/uploads\/2025\/07\/Capture-decran-le-2025-07-21-a-10.37.57.jpg?resize=700%2C461&amp;ssl=1 700w, https:\/\/i0.wp.com\/itayachtscanada.com\/wp-content\/uploads\/2025\/07\/Capture-decran-le-2025-07-21-a-10.37.57.jpg?resize=608%2C400&amp;ssl=1 608w, https:\/\/i0.wp.com\/itayachtscanada.com\/wp-content\/uploads\/2025\/07\/Capture-decran-le-2025-07-21-a-10.37.57.jpg?w=1528&amp;ssl=1 1528w, https:\/\/i0.wp.com\/itayachtscanada.com\/wp-content\/uploads\/2025\/07\/Capture-decran-le-2025-07-21-a-10.37.57.jpg?w=1400&amp;ssl=1 1400w\" sizes=\"auto, (max-width: 300px) 100vw, 300px\" \/> <img data-recalc-dims=\"1\" loading=\"lazy\" decoding=\"async\" data-attachment-id=\"280972\" data-permalink=\"https:\/\/itayachtscanada.com\/fr\/listing\/maritimo-m55-2024-2890000-usd-for-sale\/capture-decran-le-2025-07-21-a-10-37-53\/\" data-orig-file=\"https:\/\/i0.wp.com\/itayachtscanada.com\/wp-content\/uploads\/2025\/07\/Capture-decran-le-2025-07-21-a-10.37.53.jpg?fit=1528%2C1006&amp;ssl=1\" data-orig-size=\"1528,1006\" data-comments-opened=\"1\" data-image-meta=\"{&quot;aperture&quot;:&quot;0&quot;,&quot;credit&quot;:&quot;&quot;,&quot;camera&quot;:&quot;&quot;,&quot;caption&quot;:&quot;&quot;,&quot;created_timestamp&quot;:&quot;0&quot;,&quot;copyright&quot;:&quot;&quot;,&quot;focal_length&quot;:&quot;0&quot;,&quot;iso&quot;:&quot;0&quot;,&quot;shutter_speed&quot;:&quot;0&quot;,&quot;title&quot;:&quot;&quot;,&quot;orientation&quot;:&quot;0&quot;}\" data-image-title=\"Capture d\u2019e\u0301cran, le 2025-07-21 a\u0300 10.37.53\" data-image-description=\"\" data-image-caption=\"\" data-large-file=\"https:\/\/i0.wp.com\/itayachtscanada.com\/wp-content\/uploads\/2025\/07\/Capture-decran-le-2025-07-21-a-10.37.53.jpg?fit=700%2C461&amp;ssl=1\" class=\"alignnone size-medium wp-image-280972\" src=\"https:\/\/i0.wp.com\/itayachtscanada.com\/wp-content\/uploads\/2025\/07\/Capture-decran-le-2025-07-21-a-10.37.53.jpg?resize=300%2C198&#038;ssl=1\" alt=\"\" width=\"300\" height=\"198\" srcset=\"https:\/\/i0.wp.com\/itayachtscanada.com\/wp-content\/uploads\/2025\/07\/Capture-decran-le-2025-07-21-a-10.37.53.jpg?resize=300%2C198&amp;ssl=1 300w, https:\/\/i0.wp.com\/itayachtscanada.com\/wp-content\/uploads\/2025\/07\/Capture-decran-le-2025-07-21-a-10.37.53.jpg?resize=1024%2C674&amp;ssl=1 1024w, https:\/\/i0.wp.com\/itayachtscanada.com\/wp-content\/uploads\/2025\/07\/Capture-decran-le-2025-07-21-a-10.37.53.jpg?resize=768%2C506&amp;ssl=1 768w, https:\/\/i0.wp.com\/itayachtscanada.com\/wp-content\/uploads\/2025\/07\/Capture-decran-le-2025-07-21-a-10.37.53.jpg?resize=700%2C461&amp;ssl=1 700w, https:\/\/i0.wp.com\/itayachtscanada.com\/wp-content\/uploads\/2025\/07\/Capture-decran-le-2025-07-21-a-10.37.53.jpg?resize=608%2C400&amp;ssl=1 608w, https:\/\/i0.wp.com\/itayachtscanada.com\/wp-content\/uploads\/2025\/07\/Capture-decran-le-2025-07-21-a-10.37.53.jpg?w=1528&amp;ssl=1 1528w, https:\/\/i0.wp.com\/itayachtscanada.com\/wp-content\/uploads\/2025\/07\/Capture-decran-le-2025-07-21-a-10.37.53.jpg?w=1400&amp;ssl=1 1400w\" sizes=\"auto, (max-width: 300px) 100vw, 300px\" \/> <img data-recalc-dims=\"1\" loading=\"lazy\" decoding=\"async\" data-attachment-id=\"280973\" data-permalink=\"https:\/\/itayachtscanada.com\/fr\/listing\/maritimo-m55-2024-2890000-usd-for-sale\/capture-decran-le-2025-07-21-a-10-37-50\/\" data-orig-file=\"https:\/\/i0.wp.com\/itayachtscanada.com\/wp-content\/uploads\/2025\/07\/Capture-decran-le-2025-07-21-a-10.37.50.jpg?fit=1528%2C1006&amp;ssl=1\" data-orig-size=\"1528,1006\" data-comments-opened=\"1\" data-image-meta=\"{&quot;aperture&quot;:&quot;0&quot;,&quot;credit&quot;:&quot;&quot;,&quot;camera&quot;:&quot;&quot;,&quot;caption&quot;:&quot;&quot;,&quot;created_timestamp&quot;:&quot;0&quot;,&quot;copyright&quot;:&quot;&quot;,&quot;focal_length&quot;:&quot;0&quot;,&quot;iso&quot;:&quot;0&quot;,&quot;shutter_speed&quot;:&quot;0&quot;,&quot;title&quot;:&quot;&quot;,&quot;orientation&quot;:&quot;0&quot;}\" data-image-title=\"Capture d\u2019e\u0301cran, le 2025-07-21 a\u0300 10.37.50\" data-image-description=\"\" data-image-caption=\"\" data-large-file=\"https:\/\/i0.wp.com\/itayachtscanada.com\/wp-content\/uploads\/2025\/07\/Capture-decran-le-2025-07-21-a-10.37.50.jpg?fit=700%2C461&amp;ssl=1\" class=\"alignnone size-medium wp-image-280973\" src=\"https:\/\/i0.wp.com\/itayachtscanada.com\/wp-content\/uploads\/2025\/07\/Capture-decran-le-2025-07-21-a-10.37.50.jpg?resize=300%2C198&#038;ssl=1\" alt=\"\" width=\"300\" height=\"198\" srcset=\"https:\/\/i0.wp.com\/itayachtscanada.com\/wp-content\/uploads\/2025\/07\/Capture-decran-le-2025-07-21-a-10.37.50.jpg?resize=300%2C198&amp;ssl=1 300w, https:\/\/i0.wp.com\/itayachtscanada.com\/wp-content\/uploads\/2025\/07\/Capture-decran-le-2025-07-21-a-10.37.50.jpg?resize=1024%2C674&amp;ssl=1 1024w, https:\/\/i0.wp.com\/itayachtscanada.com\/wp-content\/uploads\/2025\/07\/Capture-decran-le-2025-07-21-a-10.37.50.jpg?resize=768%2C506&amp;ssl=1 768w, https:\/\/i0.wp.com\/itayachtscanada.com\/wp-content\/uploads\/2025\/07\/Capture-decran-le-2025-07-21-a-10.37.50.jpg?resize=700%2C461&amp;ssl=1 700w, https:\/\/i0.wp.com\/itayachtscanada.com\/wp-content\/uploads\/2025\/07\/Capture-decran-le-2025-07-21-a-10.37.50.jpg?resize=608%2C400&amp;ssl=1 608w, https:\/\/i0.wp.com\/itayachtscanada.com\/wp-content\/uploads\/2025\/07\/Capture-decran-le-2025-07-21-a-10.37.50.jpg?w=1528&amp;ssl=1 1528w, https:\/\/i0.wp.com\/itayachtscanada.com\/wp-content\/uploads\/2025\/07\/Capture-decran-le-2025-07-21-a-10.37.50.jpg?w=1400&amp;ssl=1 1400w\" sizes=\"auto, (max-width: 300px) 100vw, 300px\" \/> <img data-recalc-dims=\"1\" loading=\"lazy\" decoding=\"async\" data-attachment-id=\"280974\" data-permalink=\"https:\/\/itayachtscanada.com\/fr\/listing\/maritimo-m55-2024-2890000-usd-for-sale\/capture-decran-le-2025-07-21-a-10-37-40\/\" data-orig-file=\"https:\/\/i0.wp.com\/itayachtscanada.com\/wp-content\/uploads\/2025\/07\/Capture-decran-le-2025-07-21-a-10.37.40.jpg?fit=1528%2C1006&amp;ssl=1\" data-orig-size=\"1528,1006\" data-comments-opened=\"1\" data-image-meta=\"{&quot;aperture&quot;:&quot;0&quot;,&quot;credit&quot;:&quot;&quot;,&quot;camera&quot;:&quot;&quot;,&quot;caption&quot;:&quot;&quot;,&quot;created_timestamp&quot;:&quot;0&quot;,&quot;copyright&quot;:&quot;&quot;,&quot;focal_length&quot;:&quot;0&quot;,&quot;iso&quot;:&quot;0&quot;,&quot;shutter_speed&quot;:&quot;0&quot;,&quot;title&quot;:&quot;&quot;,&quot;orientation&quot;:&quot;0&quot;}\" data-image-title=\"Capture d\u2019e\u0301cran, le 2025-07-21 a\u0300 10.37.40\" data-image-description=\"\" data-image-caption=\"\" data-large-file=\"https:\/\/i0.wp.com\/itayachtscanada.com\/wp-content\/uploads\/2025\/07\/Capture-decran-le-2025-07-21-a-10.37.40.jpg?fit=700%2C461&amp;ssl=1\" class=\"alignnone size-medium wp-image-280974\" src=\"https:\/\/i0.wp.com\/itayachtscanada.com\/wp-content\/uploads\/2025\/07\/Capture-decran-le-2025-07-21-a-10.37.40.jpg?resize=300%2C198&#038;ssl=1\" alt=\"\" width=\"300\" height=\"198\" srcset=\"https:\/\/i0.wp.com\/itayachtscanada.com\/wp-content\/uploads\/2025\/07\/Capture-decran-le-2025-07-21-a-10.37.40.jpg?resize=300%2C198&amp;ssl=1 300w, https:\/\/i0.wp.com\/itayachtscanada.com\/wp-content\/uploads\/2025\/07\/Capture-decran-le-2025-07-21-a-10.37.40.jpg?resize=1024%2C674&amp;ssl=1 1024w, https:\/\/i0.wp.com\/itayachtscanada.com\/wp-content\/uploads\/2025\/07\/Capture-decran-le-2025-07-21-a-10.37.40.jpg?resize=768%2C506&amp;ssl=1 768w, https:\/\/i0.wp.com\/itayachtscanada.com\/wp-content\/uploads\/2025\/07\/Capture-decran-le-2025-07-21-a-10.37.40.jpg?resize=700%2C461&amp;ssl=1 700w, https:\/\/i0.wp.com\/itayachtscanada.com\/wp-content\/uploads\/2025\/07\/Capture-decran-le-2025-07-21-a-10.37.40.jpg?resize=608%2C400&amp;ssl=1 608w, https:\/\/i0.wp.com\/itayachtscanada.com\/wp-content\/uploads\/2025\/07\/Capture-decran-le-2025-07-21-a-10.37.40.jpg?w=1528&amp;ssl=1 1528w, https:\/\/i0.wp.com\/itayachtscanada.com\/wp-content\/uploads\/2025\/07\/Capture-decran-le-2025-07-21-a-10.37.40.jpg?w=1400&amp;ssl=1 1400w\" sizes=\"auto, (max-width: 300px) 100vw, 300px\" \/> <img data-recalc-dims=\"1\" loading=\"lazy\" decoding=\"async\" data-attachment-id=\"280975\" data-permalink=\"https:\/\/itayachtscanada.com\/fr\/listing\/maritimo-m55-2024-2890000-usd-for-sale\/capture-decran-le-2025-07-21-a-10-37-32\/\" data-orig-file=\"https:\/\/i0.wp.com\/itayachtscanada.com\/wp-content\/uploads\/2025\/07\/Capture-decran-le-2025-07-21-a-10.37.32.jpg?fit=672%2C1006&amp;ssl=1\" data-orig-size=\"672,1006\" data-comments-opened=\"1\" data-image-meta=\"{&quot;aperture&quot;:&quot;0&quot;,&quot;credit&quot;:&quot;&quot;,&quot;camera&quot;:&quot;&quot;,&quot;caption&quot;:&quot;&quot;,&quot;created_timestamp&quot;:&quot;0&quot;,&quot;copyright&quot;:&quot;&quot;,&quot;focal_length&quot;:&quot;0&quot;,&quot;iso&quot;:&quot;0&quot;,&quot;shutter_speed&quot;:&quot;0&quot;,&quot;title&quot;:&quot;&quot;,&quot;orientation&quot;:&quot;0&quot;}\" data-image-title=\"Capture d\u2019e\u0301cran, le 2025-07-21 a\u0300 10.37.32\" data-image-description=\"\" data-image-caption=\"\" data-large-file=\"https:\/\/i0.wp.com\/itayachtscanada.com\/wp-content\/uploads\/2025\/07\/Capture-decran-le-2025-07-21-a-10.37.32.jpg?fit=672%2C1006&amp;ssl=1\" class=\"alignnone size-medium wp-image-280975\" src=\"https:\/\/i0.wp.com\/itayachtscanada.com\/wp-content\/uploads\/2025\/07\/Capture-decran-le-2025-07-21-a-10.37.32.jpg?resize=200%2C300&#038;ssl=1\" alt=\"\" width=\"200\" height=\"300\" srcset=\"https:\/\/i0.wp.com\/itayachtscanada.com\/wp-content\/uploads\/2025\/07\/Capture-decran-le-2025-07-21-a-10.37.32.jpg?resize=200%2C300&amp;ssl=1 200w, https:\/\/i0.wp.com\/itayachtscanada.com\/wp-content\/uploads\/2025\/07\/Capture-decran-le-2025-07-21-a-10.37.32.jpg?resize=267%2C400&amp;ssl=1 267w, https:\/\/i0.wp.com\/itayachtscanada.com\/wp-content\/uploads\/2025\/07\/Capture-decran-le-2025-07-21-a-10.37.32.jpg?w=672&amp;ssl=1 672w\" sizes=\"auto, (max-width: 200px) 100vw, 200px\" \/> <img data-recalc-dims=\"1\" loading=\"lazy\" decoding=\"async\" data-attachment-id=\"280976\" data-permalink=\"https:\/\/itayachtscanada.com\/fr\/listing\/maritimo-m55-2024-2890000-usd-for-sale\/capture-decran-le-2025-07-21-a-10-37-28\/\" data-orig-file=\"https:\/\/i0.wp.com\/itayachtscanada.com\/wp-content\/uploads\/2025\/07\/Capture-decran-le-2025-07-21-a-10.37.28.jpg?fit=1538%2C1006&amp;ssl=1\" data-orig-size=\"1538,1006\" data-comments-opened=\"1\" data-image-meta=\"{&quot;aperture&quot;:&quot;0&quot;,&quot;credit&quot;:&quot;&quot;,&quot;camera&quot;:&quot;&quot;,&quot;caption&quot;:&quot;&quot;,&quot;created_timestamp&quot;:&quot;0&quot;,&quot;copyright&quot;:&quot;&quot;,&quot;focal_length&quot;:&quot;0&quot;,&quot;iso&quot;:&quot;0&quot;,&quot;shutter_speed&quot;:&quot;0&quot;,&quot;title&quot;:&quot;&quot;,&quot;orientation&quot;:&quot;0&quot;}\" data-image-title=\"Capture d\u2019e\u0301cran, le 2025-07-21 a\u0300 10.37.28\" data-image-description=\"\" data-image-caption=\"\" data-large-file=\"https:\/\/i0.wp.com\/itayachtscanada.com\/wp-content\/uploads\/2025\/07\/Capture-decran-le-2025-07-21-a-10.37.28.jpg?fit=700%2C458&amp;ssl=1\" class=\"alignnone size-medium wp-image-280976\" src=\"https:\/\/i0.wp.com\/itayachtscanada.com\/wp-content\/uploads\/2025\/07\/Capture-decran-le-2025-07-21-a-10.37.28.jpg?resize=300%2C196&#038;ssl=1\" alt=\"\" width=\"300\" height=\"196\" srcset=\"https:\/\/i0.wp.com\/itayachtscanada.com\/wp-content\/uploads\/2025\/07\/Capture-decran-le-2025-07-21-a-10.37.28.jpg?resize=300%2C196&amp;ssl=1 300w, https:\/\/i0.wp.com\/itayachtscanada.com\/wp-content\/uploads\/2025\/07\/Capture-decran-le-2025-07-21-a-10.37.28.jpg?resize=1024%2C670&amp;ssl=1 1024w, https:\/\/i0.wp.com\/itayachtscanada.com\/wp-content\/uploads\/2025\/07\/Capture-decran-le-2025-07-21-a-10.37.28.jpg?resize=768%2C502&amp;ssl=1 768w, https:\/\/i0.wp.com\/itayachtscanada.com\/wp-content\/uploads\/2025\/07\/Capture-decran-le-2025-07-21-a-10.37.28.jpg?resize=1536%2C1005&amp;ssl=1 1536w, https:\/\/i0.wp.com\/itayachtscanada.com\/wp-content\/uploads\/2025\/07\/Capture-decran-le-2025-07-21-a-10.37.28.jpg?resize=700%2C458&amp;ssl=1 700w, https:\/\/i0.wp.com\/itayachtscanada.com\/wp-content\/uploads\/2025\/07\/Capture-decran-le-2025-07-21-a-10.37.28.jpg?resize=612%2C400&amp;ssl=1 612w, https:\/\/i0.wp.com\/itayachtscanada.com\/wp-content\/uploads\/2025\/07\/Capture-decran-le-2025-07-21-a-10.37.28.jpg?w=1538&amp;ssl=1 1538w, https:\/\/i0.wp.com\/itayachtscanada.com\/wp-content\/uploads\/2025\/07\/Capture-decran-le-2025-07-21-a-10.37.28.jpg?w=1400&amp;ssl=1 1400w\" sizes=\"auto, (max-width: 300px) 100vw, 300px\" \/> <img data-recalc-dims=\"1\" loading=\"lazy\" decoding=\"async\" data-attachment-id=\"280977\" data-permalink=\"https:\/\/itayachtscanada.com\/fr\/listing\/maritimo-m55-2024-2890000-usd-for-sale\/capture-decran-le-2025-07-21-a-10-37-25\/\" data-orig-file=\"https:\/\/i0.wp.com\/itayachtscanada.com\/wp-content\/uploads\/2025\/07\/Capture-decran-le-2025-07-21-a-10.37.25.jpg?fit=1538%2C1006&amp;ssl=1\" data-orig-size=\"1538,1006\" data-comments-opened=\"1\" data-image-meta=\"{&quot;aperture&quot;:&quot;0&quot;,&quot;credit&quot;:&quot;&quot;,&quot;camera&quot;:&quot;&quot;,&quot;caption&quot;:&quot;&quot;,&quot;created_timestamp&quot;:&quot;0&quot;,&quot;copyright&quot;:&quot;&quot;,&quot;focal_length&quot;:&quot;0&quot;,&quot;iso&quot;:&quot;0&quot;,&quot;shutter_speed&quot;:&quot;0&quot;,&quot;title&quot;:&quot;&quot;,&quot;orientation&quot;:&quot;0&quot;}\" data-image-title=\"Capture d\u2019e\u0301cran, le 2025-07-21 a\u0300 10.37.25\" data-image-description=\"\" data-image-caption=\"\" data-large-file=\"https:\/\/i0.wp.com\/itayachtscanada.com\/wp-content\/uploads\/2025\/07\/Capture-decran-le-2025-07-21-a-10.37.25.jpg?fit=700%2C458&amp;ssl=1\" class=\"alignnone size-medium wp-image-280977\" src=\"https:\/\/i0.wp.com\/itayachtscanada.com\/wp-content\/uploads\/2025\/07\/Capture-decran-le-2025-07-21-a-10.37.25.jpg?resize=300%2C196&#038;ssl=1\" alt=\"\" width=\"300\" height=\"196\" srcset=\"https:\/\/i0.wp.com\/itayachtscanada.com\/wp-content\/uploads\/2025\/07\/Capture-decran-le-2025-07-21-a-10.37.25.jpg?resize=300%2C196&amp;ssl=1 300w, https:\/\/i0.wp.com\/itayachtscanada.com\/wp-content\/uploads\/2025\/07\/Capture-decran-le-2025-07-21-a-10.37.25.jpg?resize=1024%2C670&amp;ssl=1 1024w, https:\/\/i0.wp.com\/itayachtscanada.com\/wp-content\/uploads\/2025\/07\/Capture-decran-le-2025-07-21-a-10.37.25.jpg?resize=768%2C502&amp;ssl=1 768w, https:\/\/i0.wp.com\/itayachtscanada.com\/wp-content\/uploads\/2025\/07\/Capture-decran-le-2025-07-21-a-10.37.25.jpg?resize=1536%2C1005&amp;ssl=1 1536w, https:\/\/i0.wp.com\/itayachtscanada.com\/wp-content\/uploads\/2025\/07\/Capture-decran-le-2025-07-21-a-10.37.25.jpg?resize=700%2C458&amp;ssl=1 700w, https:\/\/i0.wp.com\/itayachtscanada.com\/wp-content\/uploads\/2025\/07\/Capture-decran-le-2025-07-21-a-10.37.25.jpg?resize=612%2C400&amp;ssl=1 612w, https:\/\/i0.wp.com\/itayachtscanada.com\/wp-content\/uploads\/2025\/07\/Capture-decran-le-2025-07-21-a-10.37.25.jpg?w=1538&amp;ssl=1 1538w, https:\/\/i0.wp.com\/itayachtscanada.com\/wp-content\/uploads\/2025\/07\/Capture-decran-le-2025-07-21-a-10.37.25.jpg?w=1400&amp;ssl=1 1400w\" sizes=\"auto, (max-width: 300px) 100vw, 300px\" \/> <img data-recalc-dims=\"1\" loading=\"lazy\" decoding=\"async\" data-attachment-id=\"280978\" data-permalink=\"https:\/\/itayachtscanada.com\/fr\/listing\/maritimo-m55-2024-2890000-usd-for-sale\/capture-decran-le-2025-07-21-a-10-37-17\/\" data-orig-file=\"https:\/\/i0.wp.com\/itayachtscanada.com\/wp-content\/uploads\/2025\/07\/Capture-decran-le-2025-07-21-a-10.37.17.jpg?fit=1538%2C1006&amp;ssl=1\" data-orig-size=\"1538,1006\" data-comments-opened=\"1\" data-image-meta=\"{&quot;aperture&quot;:&quot;0&quot;,&quot;credit&quot;:&quot;&quot;,&quot;camera&quot;:&quot;&quot;,&quot;caption&quot;:&quot;&quot;,&quot;created_timestamp&quot;:&quot;0&quot;,&quot;copyright&quot;:&quot;&quot;,&quot;focal_length&quot;:&quot;0&quot;,&quot;iso&quot;:&quot;0&quot;,&quot;shutter_speed&quot;:&quot;0&quot;,&quot;title&quot;:&quot;&quot;,&quot;orientation&quot;:&quot;0&quot;}\" data-image-title=\"Capture d\u2019e\u0301cran, le 2025-07-21 a\u0300 10.37.17\" data-image-description=\"\" data-image-caption=\"\" data-large-file=\"https:\/\/i0.wp.com\/itayachtscanada.com\/wp-content\/uploads\/2025\/07\/Capture-decran-le-2025-07-21-a-10.37.17.jpg?fit=700%2C458&amp;ssl=1\" class=\"alignnone size-medium wp-image-280978\" src=\"https:\/\/i0.wp.com\/itayachtscanada.com\/wp-content\/uploads\/2025\/07\/Capture-decran-le-2025-07-21-a-10.37.17.jpg?resize=300%2C196&#038;ssl=1\" alt=\"\" width=\"300\" height=\"196\" srcset=\"https:\/\/i0.wp.com\/itayachtscanada.com\/wp-content\/uploads\/2025\/07\/Capture-decran-le-2025-07-21-a-10.37.17.jpg?resize=300%2C196&amp;ssl=1 300w, https:\/\/i0.wp.com\/itayachtscanada.com\/wp-content\/uploads\/2025\/07\/Capture-decran-le-2025-07-21-a-10.37.17.jpg?resize=1024%2C670&amp;ssl=1 1024w, https:\/\/i0.wp.com\/itayachtscanada.com\/wp-content\/uploads\/2025\/07\/Capture-decran-le-2025-07-21-a-10.37.17.jpg?resize=768%2C502&amp;ssl=1 768w, https:\/\/i0.wp.com\/itayachtscanada.com\/wp-content\/uploads\/2025\/07\/Capture-decran-le-2025-07-21-a-10.37.17.jpg?resize=1536%2C1005&amp;ssl=1 1536w, https:\/\/i0.wp.com\/itayachtscanada.com\/wp-content\/uploads\/2025\/07\/Capture-decran-le-2025-07-21-a-10.37.17.jpg?resize=700%2C458&amp;ssl=1 700w, https:\/\/i0.wp.com\/itayachtscanada.com\/wp-content\/uploads\/2025\/07\/Capture-decran-le-2025-07-21-a-10.37.17.jpg?resize=612%2C400&amp;ssl=1 612w, https:\/\/i0.wp.com\/itayachtscanada.com\/wp-content\/uploads\/2025\/07\/Capture-decran-le-2025-07-21-a-10.37.17.jpg?w=1538&amp;ssl=1 1538w, https:\/\/i0.wp.com\/itayachtscanada.com\/wp-content\/uploads\/2025\/07\/Capture-decran-le-2025-07-21-a-10.37.17.jpg?w=1400&amp;ssl=1 1400w\" sizes=\"auto, (max-width: 300px) 100vw, 300px\" \/> <img data-recalc-dims=\"1\" loading=\"lazy\" decoding=\"async\" data-attachment-id=\"280979\" data-permalink=\"https:\/\/itayachtscanada.com\/fr\/listing\/maritimo-m55-2024-2890000-usd-for-sale\/capture-decran-le-2025-07-21-a-10-37-03\/\" data-orig-file=\"https:\/\/i0.wp.com\/itayachtscanada.com\/wp-content\/uploads\/2025\/07\/Capture-decran-le-2025-07-21-a-10.37.03.jpg?fit=1146%2C1006&amp;ssl=1\" data-orig-size=\"1146,1006\" data-comments-opened=\"1\" data-image-meta=\"{&quot;aperture&quot;:&quot;0&quot;,&quot;credit&quot;:&quot;&quot;,&quot;camera&quot;:&quot;&quot;,&quot;caption&quot;:&quot;&quot;,&quot;created_timestamp&quot;:&quot;0&quot;,&quot;copyright&quot;:&quot;&quot;,&quot;focal_length&quot;:&quot;0&quot;,&quot;iso&quot;:&quot;0&quot;,&quot;shutter_speed&quot;:&quot;0&quot;,&quot;title&quot;:&quot;&quot;,&quot;orientation&quot;:&quot;0&quot;}\" data-image-title=\"Capture d\u2019e\u0301cran, le 2025-07-21 a\u0300 10.37.03\" data-image-description=\"\" data-image-caption=\"\" data-large-file=\"https:\/\/i0.wp.com\/itayachtscanada.com\/wp-content\/uploads\/2025\/07\/Capture-decran-le-2025-07-21-a-10.37.03.jpg?fit=700%2C615&amp;ssl=1\" class=\"alignnone size-medium wp-image-280979\" src=\"https:\/\/i0.wp.com\/itayachtscanada.com\/wp-content\/uploads\/2025\/07\/Capture-decran-le-2025-07-21-a-10.37.03.jpg?resize=300%2C263&#038;ssl=1\" alt=\"\" width=\"300\" height=\"263\" srcset=\"https:\/\/i0.wp.com\/itayachtscanada.com\/wp-content\/uploads\/2025\/07\/Capture-decran-le-2025-07-21-a-10.37.03.jpg?resize=300%2C263&amp;ssl=1 300w, https:\/\/i0.wp.com\/itayachtscanada.com\/wp-content\/uploads\/2025\/07\/Capture-decran-le-2025-07-21-a-10.37.03.jpg?resize=1024%2C899&amp;ssl=1 1024w, https:\/\/i0.wp.com\/itayachtscanada.com\/wp-content\/uploads\/2025\/07\/Capture-decran-le-2025-07-21-a-10.37.03.jpg?resize=768%2C674&amp;ssl=1 768w, https:\/\/i0.wp.com\/itayachtscanada.com\/wp-content\/uploads\/2025\/07\/Capture-decran-le-2025-07-21-a-10.37.03.jpg?resize=700%2C614&amp;ssl=1 700w, https:\/\/i0.wp.com\/itayachtscanada.com\/wp-content\/uploads\/2025\/07\/Capture-decran-le-2025-07-21-a-10.37.03.jpg?resize=456%2C400&amp;ssl=1 456w, https:\/\/i0.wp.com\/itayachtscanada.com\/wp-content\/uploads\/2025\/07\/Capture-decran-le-2025-07-21-a-10.37.03.jpg?w=1146&amp;ssl=1 1146w\" sizes=\"auto, (max-width: 300px) 100vw, 300px\" \/> <img data-recalc-dims=\"1\" loading=\"lazy\" decoding=\"async\" data-attachment-id=\"280980\" data-permalink=\"https:\/\/itayachtscanada.com\/fr\/listing\/maritimo-m55-2024-2890000-usd-for-sale\/capture-decran-le-2025-07-21-a-10-36-54\/\" data-orig-file=\"https:\/\/i0.wp.com\/itayachtscanada.com\/wp-content\/uploads\/2025\/07\/Capture-decran-le-2025-07-21-a-10.36.54.jpg?fit=680%2C1006&amp;ssl=1\" data-orig-size=\"680,1006\" data-comments-opened=\"1\" data-image-meta=\"{&quot;aperture&quot;:&quot;0&quot;,&quot;credit&quot;:&quot;&quot;,&quot;camera&quot;:&quot;&quot;,&quot;caption&quot;:&quot;&quot;,&quot;created_timestamp&quot;:&quot;0&quot;,&quot;copyright&quot;:&quot;&quot;,&quot;focal_length&quot;:&quot;0&quot;,&quot;iso&quot;:&quot;0&quot;,&quot;shutter_speed&quot;:&quot;0&quot;,&quot;title&quot;:&quot;&quot;,&quot;orientation&quot;:&quot;0&quot;}\" data-image-title=\"Capture d\u2019e\u0301cran, le 2025-07-21 a\u0300 10.36.54\" data-image-description=\"\" data-image-caption=\"\" data-large-file=\"https:\/\/i0.wp.com\/itayachtscanada.com\/wp-content\/uploads\/2025\/07\/Capture-decran-le-2025-07-21-a-10.36.54.jpg?fit=680%2C1006&amp;ssl=1\" class=\"alignnone size-medium wp-image-280980\" src=\"https:\/\/i0.wp.com\/itayachtscanada.com\/wp-content\/uploads\/2025\/07\/Capture-decran-le-2025-07-21-a-10.36.54.jpg?resize=203%2C300&#038;ssl=1\" alt=\"\" width=\"203\" height=\"300\" srcset=\"https:\/\/i0.wp.com\/itayachtscanada.com\/wp-content\/uploads\/2025\/07\/Capture-decran-le-2025-07-21-a-10.36.54.jpg?resize=203%2C300&amp;ssl=1 203w, https:\/\/i0.wp.com\/itayachtscanada.com\/wp-content\/uploads\/2025\/07\/Capture-decran-le-2025-07-21-a-10.36.54.jpg?resize=270%2C400&amp;ssl=1 270w, https:\/\/i0.wp.com\/itayachtscanada.com\/wp-content\/uploads\/2025\/07\/Capture-decran-le-2025-07-21-a-10.36.54.jpg?w=680&amp;ssl=1 680w\" sizes=\"auto, (max-width: 203px) 100vw, 203px\" \/> <img data-recalc-dims=\"1\" loading=\"lazy\" decoding=\"async\" data-attachment-id=\"280981\" data-permalink=\"https:\/\/itayachtscanada.com\/fr\/listing\/maritimo-m55-2024-2890000-usd-for-sale\/capture-decran-le-2025-07-21-a-10-36-50\/\" data-orig-file=\"https:\/\/i0.wp.com\/itayachtscanada.com\/wp-content\/uploads\/2025\/07\/Capture-decran-le-2025-07-21-a-10.36.50.jpg?fit=1540%2C1006&amp;ssl=1\" data-orig-size=\"1540,1006\" data-comments-opened=\"1\" data-image-meta=\"{&quot;aperture&quot;:&quot;0&quot;,&quot;credit&quot;:&quot;&quot;,&quot;camera&quot;:&quot;&quot;,&quot;caption&quot;:&quot;&quot;,&quot;created_timestamp&quot;:&quot;0&quot;,&quot;copyright&quot;:&quot;&quot;,&quot;focal_length&quot;:&quot;0&quot;,&quot;iso&quot;:&quot;0&quot;,&quot;shutter_speed&quot;:&quot;0&quot;,&quot;title&quot;:&quot;&quot;,&quot;orientation&quot;:&quot;0&quot;}\" data-image-title=\"Capture d\u2019e\u0301cran, le 2025-07-21 a\u0300 10.36.50\" data-image-description=\"\" data-image-caption=\"\" data-large-file=\"https:\/\/i0.wp.com\/itayachtscanada.com\/wp-content\/uploads\/2025\/07\/Capture-decran-le-2025-07-21-a-10.36.50.jpg?fit=700%2C457&amp;ssl=1\" class=\"alignnone size-medium wp-image-280981\" src=\"https:\/\/i0.wp.com\/itayachtscanada.com\/wp-content\/uploads\/2025\/07\/Capture-decran-le-2025-07-21-a-10.36.50.jpg?resize=300%2C196&#038;ssl=1\" alt=\"\" width=\"300\" height=\"196\" srcset=\"https:\/\/i0.wp.com\/itayachtscanada.com\/wp-content\/uploads\/2025\/07\/Capture-decran-le-2025-07-21-a-10.36.50.jpg?resize=300%2C196&amp;ssl=1 300w, https:\/\/i0.wp.com\/itayachtscanada.com\/wp-content\/uploads\/2025\/07\/Capture-decran-le-2025-07-21-a-10.36.50.jpg?resize=1024%2C669&amp;ssl=1 1024w, https:\/\/i0.wp.com\/itayachtscanada.com\/wp-content\/uploads\/2025\/07\/Capture-decran-le-2025-07-21-a-10.36.50.jpg?resize=768%2C502&amp;ssl=1 768w, https:\/\/i0.wp.com\/itayachtscanada.com\/wp-content\/uploads\/2025\/07\/Capture-decran-le-2025-07-21-a-10.36.50.jpg?resize=1536%2C1003&amp;ssl=1 1536w, https:\/\/i0.wp.com\/itayachtscanada.com\/wp-content\/uploads\/2025\/07\/Capture-decran-le-2025-07-21-a-10.36.50.jpg?resize=700%2C457&amp;ssl=1 700w, https:\/\/i0.wp.com\/itayachtscanada.com\/wp-content\/uploads\/2025\/07\/Capture-decran-le-2025-07-21-a-10.36.50.jpg?resize=612%2C400&amp;ssl=1 612w, https:\/\/i0.wp.com\/itayachtscanada.com\/wp-content\/uploads\/2025\/07\/Capture-decran-le-2025-07-21-a-10.36.50.jpg?w=1540&amp;ssl=1 1540w, https:\/\/i0.wp.com\/itayachtscanada.com\/wp-content\/uploads\/2025\/07\/Capture-decran-le-2025-07-21-a-10.36.50.jpg?w=1400&amp;ssl=1 1400w\" sizes=\"auto, (max-width: 300px) 100vw, 300px\" \/> <img data-recalc-dims=\"1\" loading=\"lazy\" decoding=\"async\" data-attachment-id=\"280982\" data-permalink=\"https:\/\/itayachtscanada.com\/fr\/listing\/maritimo-m55-2024-2890000-usd-for-sale\/capture-decran-le-2025-07-21-a-10-36-46\/\" data-orig-file=\"https:\/\/i0.wp.com\/itayachtscanada.com\/wp-content\/uploads\/2025\/07\/Capture-decran-le-2025-07-21-a-10.36.46.jpg?fit=1540%2C1006&amp;ssl=1\" data-orig-size=\"1540,1006\" data-comments-opened=\"1\" data-image-meta=\"{&quot;aperture&quot;:&quot;0&quot;,&quot;credit&quot;:&quot;&quot;,&quot;camera&quot;:&quot;&quot;,&quot;caption&quot;:&quot;&quot;,&quot;created_timestamp&quot;:&quot;0&quot;,&quot;copyright&quot;:&quot;&quot;,&quot;focal_length&quot;:&quot;0&quot;,&quot;iso&quot;:&quot;0&quot;,&quot;shutter_speed&quot;:&quot;0&quot;,&quot;title&quot;:&quot;&quot;,&quot;orientation&quot;:&quot;0&quot;}\" data-image-title=\"Capture d\u2019e\u0301cran, le 2025-07-21 a\u0300 10.36.46\" data-image-description=\"\" data-image-caption=\"\" data-large-file=\"https:\/\/i0.wp.com\/itayachtscanada.com\/wp-content\/uploads\/2025\/07\/Capture-decran-le-2025-07-21-a-10.36.46.jpg?fit=700%2C457&amp;ssl=1\" class=\"alignnone size-medium wp-image-280982\" src=\"https:\/\/i0.wp.com\/itayachtscanada.com\/wp-content\/uploads\/2025\/07\/Capture-decran-le-2025-07-21-a-10.36.46.jpg?resize=300%2C196&#038;ssl=1\" alt=\"\" width=\"300\" height=\"196\" srcset=\"https:\/\/i0.wp.com\/itayachtscanada.com\/wp-content\/uploads\/2025\/07\/Capture-decran-le-2025-07-21-a-10.36.46.jpg?resize=300%2C196&amp;ssl=1 300w, https:\/\/i0.wp.com\/itayachtscanada.com\/wp-content\/uploads\/2025\/07\/Capture-decran-le-2025-07-21-a-10.36.46.jpg?resize=1024%2C669&amp;ssl=1 1024w, https:\/\/i0.wp.com\/itayachtscanada.com\/wp-content\/uploads\/2025\/07\/Capture-decran-le-2025-07-21-a-10.36.46.jpg?resize=768%2C502&amp;ssl=1 768w, https:\/\/i0.wp.com\/itayachtscanada.com\/wp-content\/uploads\/2025\/07\/Capture-decran-le-2025-07-21-a-10.36.46.jpg?resize=1536%2C1003&amp;ssl=1 1536w, https:\/\/i0.wp.com\/itayachtscanada.com\/wp-content\/uploads\/2025\/07\/Capture-decran-le-2025-07-21-a-10.36.46.jpg?resize=700%2C457&amp;ssl=1 700w, https:\/\/i0.wp.com\/itayachtscanada.com\/wp-content\/uploads\/2025\/07\/Capture-decran-le-2025-07-21-a-10.36.46.jpg?resize=612%2C400&amp;ssl=1 612w, https:\/\/i0.wp.com\/itayachtscanada.com\/wp-content\/uploads\/2025\/07\/Capture-decran-le-2025-07-21-a-10.36.46.jpg?w=1540&amp;ssl=1 1540w, https:\/\/i0.wp.com\/itayachtscanada.com\/wp-content\/uploads\/2025\/07\/Capture-decran-le-2025-07-21-a-10.36.46.jpg?w=1400&amp;ssl=1 1400w\" sizes=\"auto, (max-width: 300px) 100vw, 300px\" \/> <img data-recalc-dims=\"1\" loading=\"lazy\" decoding=\"async\" data-attachment-id=\"280983\" data-permalink=\"https:\/\/itayachtscanada.com\/fr\/listing\/maritimo-m55-2024-2890000-usd-for-sale\/capture-decran-le-2025-07-21-a-10-36-43\/\" data-orig-file=\"https:\/\/i0.wp.com\/itayachtscanada.com\/wp-content\/uploads\/2025\/07\/Capture-decran-le-2025-07-21-a-10.36.43.jpg?fit=1540%2C1006&amp;ssl=1\" data-orig-size=\"1540,1006\" data-comments-opened=\"1\" data-image-meta=\"{&quot;aperture&quot;:&quot;0&quot;,&quot;credit&quot;:&quot;&quot;,&quot;camera&quot;:&quot;&quot;,&quot;caption&quot;:&quot;&quot;,&quot;created_timestamp&quot;:&quot;0&quot;,&quot;copyright&quot;:&quot;&quot;,&quot;focal_length&quot;:&quot;0&quot;,&quot;iso&quot;:&quot;0&quot;,&quot;shutter_speed&quot;:&quot;0&quot;,&quot;title&quot;:&quot;&quot;,&quot;orientation&quot;:&quot;0&quot;}\" data-image-title=\"Capture d\u2019e\u0301cran, le 2025-07-21 a\u0300 10.36.43\" data-image-description=\"\" data-image-caption=\"\" data-large-file=\"https:\/\/i0.wp.com\/itayachtscanada.com\/wp-content\/uploads\/2025\/07\/Capture-decran-le-2025-07-21-a-10.36.43.jpg?fit=700%2C457&amp;ssl=1\" class=\"alignnone size-medium wp-image-280983\" src=\"https:\/\/i0.wp.com\/itayachtscanada.com\/wp-content\/uploads\/2025\/07\/Capture-decran-le-2025-07-21-a-10.36.43.jpg?resize=300%2C196&#038;ssl=1\" alt=\"\" width=\"300\" height=\"196\" srcset=\"https:\/\/i0.wp.com\/itayachtscanada.com\/wp-content\/uploads\/2025\/07\/Capture-decran-le-2025-07-21-a-10.36.43.jpg?resize=300%2C196&amp;ssl=1 300w, https:\/\/i0.wp.com\/itayachtscanada.com\/wp-content\/uploads\/2025\/07\/Capture-decran-le-2025-07-21-a-10.36.43.jpg?resize=1024%2C669&amp;ssl=1 1024w, https:\/\/i0.wp.com\/itayachtscanada.com\/wp-content\/uploads\/2025\/07\/Capture-decran-le-2025-07-21-a-10.36.43.jpg?resize=768%2C502&amp;ssl=1 768w, https:\/\/i0.wp.com\/itayachtscanada.com\/wp-content\/uploads\/2025\/07\/Capture-decran-le-2025-07-21-a-10.36.43.jpg?resize=1536%2C1003&amp;ssl=1 1536w, https:\/\/i0.wp.com\/itayachtscanada.com\/wp-content\/uploads\/2025\/07\/Capture-decran-le-2025-07-21-a-10.36.43.jpg?resize=700%2C457&amp;ssl=1 700w, https:\/\/i0.wp.com\/itayachtscanada.com\/wp-content\/uploads\/2025\/07\/Capture-decran-le-2025-07-21-a-10.36.43.jpg?resize=612%2C400&amp;ssl=1 612w, https:\/\/i0.wp.com\/itayachtscanada.com\/wp-content\/uploads\/2025\/07\/Capture-decran-le-2025-07-21-a-10.36.43.jpg?w=1540&amp;ssl=1 1540w, https:\/\/i0.wp.com\/itayachtscanada.com\/wp-content\/uploads\/2025\/07\/Capture-decran-le-2025-07-21-a-10.36.43.jpg?w=1400&amp;ssl=1 1400w\" sizes=\"auto, (max-width: 300px) 100vw, 300px\" \/> <img data-recalc-dims=\"1\" loading=\"lazy\" decoding=\"async\" data-attachment-id=\"280984\" data-permalink=\"https:\/\/itayachtscanada.com\/fr\/listing\/maritimo-m55-2024-2890000-usd-for-sale\/capture-decran-le-2025-07-21-a-10-36-39\/\" data-orig-file=\"https:\/\/i0.wp.com\/itayachtscanada.com\/wp-content\/uploads\/2025\/07\/Capture-decran-le-2025-07-21-a-10.36.39.jpg?fit=1540%2C1006&amp;ssl=1\" data-orig-size=\"1540,1006\" data-comments-opened=\"1\" data-image-meta=\"{&quot;aperture&quot;:&quot;0&quot;,&quot;credit&quot;:&quot;&quot;,&quot;camera&quot;:&quot;&quot;,&quot;caption&quot;:&quot;&quot;,&quot;created_timestamp&quot;:&quot;0&quot;,&quot;copyright&quot;:&quot;&quot;,&quot;focal_length&quot;:&quot;0&quot;,&quot;iso&quot;:&quot;0&quot;,&quot;shutter_speed&quot;:&quot;0&quot;,&quot;title&quot;:&quot;&quot;,&quot;orientation&quot;:&quot;0&quot;}\" data-image-title=\"Capture d\u2019e\u0301cran, le 2025-07-21 a\u0300 10.36.39\" data-image-description=\"\" data-image-caption=\"\" data-large-file=\"https:\/\/i0.wp.com\/itayachtscanada.com\/wp-content\/uploads\/2025\/07\/Capture-decran-le-2025-07-21-a-10.36.39.jpg?fit=700%2C457&amp;ssl=1\" class=\"alignnone size-medium wp-image-280984\" src=\"https:\/\/i0.wp.com\/itayachtscanada.com\/wp-content\/uploads\/2025\/07\/Capture-decran-le-2025-07-21-a-10.36.39.jpg?resize=300%2C196&#038;ssl=1\" alt=\"\" width=\"300\" height=\"196\" srcset=\"https:\/\/i0.wp.com\/itayachtscanada.com\/wp-content\/uploads\/2025\/07\/Capture-decran-le-2025-07-21-a-10.36.39.jpg?resize=300%2C196&amp;ssl=1 300w, https:\/\/i0.wp.com\/itayachtscanada.com\/wp-content\/uploads\/2025\/07\/Capture-decran-le-2025-07-21-a-10.36.39.jpg?resize=1024%2C669&amp;ssl=1 1024w, https:\/\/i0.wp.com\/itayachtscanada.com\/wp-content\/uploads\/2025\/07\/Capture-decran-le-2025-07-21-a-10.36.39.jpg?resize=768%2C502&amp;ssl=1 768w, https:\/\/i0.wp.com\/itayachtscanada.com\/wp-content\/uploads\/2025\/07\/Capture-decran-le-2025-07-21-a-10.36.39.jpg?resize=1536%2C1003&amp;ssl=1 1536w, https:\/\/i0.wp.com\/itayachtscanada.com\/wp-content\/uploads\/2025\/07\/Capture-decran-le-2025-07-21-a-10.36.39.jpg?resize=700%2C457&amp;ssl=1 700w, https:\/\/i0.wp.com\/itayachtscanada.com\/wp-content\/uploads\/2025\/07\/Capture-decran-le-2025-07-21-a-10.36.39.jpg?resize=612%2C400&amp;ssl=1 612w, https:\/\/i0.wp.com\/itayachtscanada.com\/wp-content\/uploads\/2025\/07\/Capture-decran-le-2025-07-21-a-10.36.39.jpg?w=1540&amp;ssl=1 1540w, https:\/\/i0.wp.com\/itayachtscanada.com\/wp-content\/uploads\/2025\/07\/Capture-decran-le-2025-07-21-a-10.36.39.jpg?w=1400&amp;ssl=1 1400w\" sizes=\"auto, (max-width: 300px) 100vw, 300px\" \/> <img data-recalc-dims=\"1\" loading=\"lazy\" decoding=\"async\" data-attachment-id=\"280985\" data-permalink=\"https:\/\/itayachtscanada.com\/fr\/listing\/maritimo-m55-2024-2890000-usd-for-sale\/capture-decran-le-2025-07-21-a-10-36-35\/\" data-orig-file=\"https:\/\/i0.wp.com\/itayachtscanada.com\/wp-content\/uploads\/2025\/07\/Capture-decran-le-2025-07-21-a-10.36.35.jpg?fit=1540%2C1006&amp;ssl=1\" data-orig-size=\"1540,1006\" data-comments-opened=\"1\" data-image-meta=\"{&quot;aperture&quot;:&quot;0&quot;,&quot;credit&quot;:&quot;&quot;,&quot;camera&quot;:&quot;&quot;,&quot;caption&quot;:&quot;&quot;,&quot;created_timestamp&quot;:&quot;0&quot;,&quot;copyright&quot;:&quot;&quot;,&quot;focal_length&quot;:&quot;0&quot;,&quot;iso&quot;:&quot;0&quot;,&quot;shutter_speed&quot;:&quot;0&quot;,&quot;title&quot;:&quot;&quot;,&quot;orientation&quot;:&quot;0&quot;}\" data-image-title=\"Capture d\u2019e\u0301cran, le 2025-07-21 a\u0300 10.36.35\" data-image-description=\"\" data-image-caption=\"\" data-large-file=\"https:\/\/i0.wp.com\/itayachtscanada.com\/wp-content\/uploads\/2025\/07\/Capture-decran-le-2025-07-21-a-10.36.35.jpg?fit=700%2C457&amp;ssl=1\" class=\"alignnone size-medium wp-image-280985\" src=\"https:\/\/i0.wp.com\/itayachtscanada.com\/wp-content\/uploads\/2025\/07\/Capture-decran-le-2025-07-21-a-10.36.35.jpg?resize=300%2C196&#038;ssl=1\" alt=\"\" width=\"300\" height=\"196\" srcset=\"https:\/\/i0.wp.com\/itayachtscanada.com\/wp-content\/uploads\/2025\/07\/Capture-decran-le-2025-07-21-a-10.36.35.jpg?resize=300%2C196&amp;ssl=1 300w, https:\/\/i0.wp.com\/itayachtscanada.com\/wp-content\/uploads\/2025\/07\/Capture-decran-le-2025-07-21-a-10.36.35.jpg?resize=1024%2C669&amp;ssl=1 1024w, https:\/\/i0.wp.com\/itayachtscanada.com\/wp-content\/uploads\/2025\/07\/Capture-decran-le-2025-07-21-a-10.36.35.jpg?resize=768%2C502&amp;ssl=1 768w, https:\/\/i0.wp.com\/itayachtscanada.com\/wp-content\/uploads\/2025\/07\/Capture-decran-le-2025-07-21-a-10.36.35.jpg?resize=1536%2C1003&amp;ssl=1 1536w, https:\/\/i0.wp.com\/itayachtscanada.com\/wp-content\/uploads\/2025\/07\/Capture-decran-le-2025-07-21-a-10.36.35.jpg?resize=700%2C457&amp;ssl=1 700w, https:\/\/i0.wp.com\/itayachtscanada.com\/wp-content\/uploads\/2025\/07\/Capture-decran-le-2025-07-21-a-10.36.35.jpg?resize=612%2C400&amp;ssl=1 612w, https:\/\/i0.wp.com\/itayachtscanada.com\/wp-content\/uploads\/2025\/07\/Capture-decran-le-2025-07-21-a-10.36.35.jpg?w=1540&amp;ssl=1 1540w, https:\/\/i0.wp.com\/itayachtscanada.com\/wp-content\/uploads\/2025\/07\/Capture-decran-le-2025-07-21-a-10.36.35.jpg?w=1400&amp;ssl=1 1400w\" sizes=\"auto, (max-width: 300px) 100vw, 300px\" \/> <img data-recalc-dims=\"1\" loading=\"lazy\" decoding=\"async\" data-attachment-id=\"280986\" data-permalink=\"https:\/\/itayachtscanada.com\/fr\/listing\/maritimo-m55-2024-2890000-usd-for-sale\/capture-decran-le-2025-07-21-a-10-36-32\/\" data-orig-file=\"https:\/\/i0.wp.com\/itayachtscanada.com\/wp-content\/uploads\/2025\/07\/Capture-decran-le-2025-07-21-a-10.36.32.jpg?fit=1540%2C1006&amp;ssl=1\" data-orig-size=\"1540,1006\" data-comments-opened=\"1\" data-image-meta=\"{&quot;aperture&quot;:&quot;0&quot;,&quot;credit&quot;:&quot;&quot;,&quot;camera&quot;:&quot;&quot;,&quot;caption&quot;:&quot;&quot;,&quot;created_timestamp&quot;:&quot;0&quot;,&quot;copyright&quot;:&quot;&quot;,&quot;focal_length&quot;:&quot;0&quot;,&quot;iso&quot;:&quot;0&quot;,&quot;shutter_speed&quot;:&quot;0&quot;,&quot;title&quot;:&quot;&quot;,&quot;orientation&quot;:&quot;0&quot;}\" data-image-title=\"Capture d\u2019e\u0301cran, le 2025-07-21 a\u0300 10.36.32\" data-image-description=\"\" data-image-caption=\"\" data-large-file=\"https:\/\/i0.wp.com\/itayachtscanada.com\/wp-content\/uploads\/2025\/07\/Capture-decran-le-2025-07-21-a-10.36.32.jpg?fit=700%2C457&amp;ssl=1\" class=\"alignnone size-medium wp-image-280986\" src=\"https:\/\/i0.wp.com\/itayachtscanada.com\/wp-content\/uploads\/2025\/07\/Capture-decran-le-2025-07-21-a-10.36.32.jpg?resize=300%2C196&#038;ssl=1\" alt=\"\" width=\"300\" height=\"196\" srcset=\"https:\/\/i0.wp.com\/itayachtscanada.com\/wp-content\/uploads\/2025\/07\/Capture-decran-le-2025-07-21-a-10.36.32.jpg?resize=300%2C196&amp;ssl=1 300w, https:\/\/i0.wp.com\/itayachtscanada.com\/wp-content\/uploads\/2025\/07\/Capture-decran-le-2025-07-21-a-10.36.32.jpg?resize=1024%2C669&amp;ssl=1 1024w, https:\/\/i0.wp.com\/itayachtscanada.com\/wp-content\/uploads\/2025\/07\/Capture-decran-le-2025-07-21-a-10.36.32.jpg?resize=768%2C502&amp;ssl=1 768w, https:\/\/i0.wp.com\/itayachtscanada.com\/wp-content\/uploads\/2025\/07\/Capture-decran-le-2025-07-21-a-10.36.32.jpg?resize=1536%2C1003&amp;ssl=1 1536w, https:\/\/i0.wp.com\/itayachtscanada.com\/wp-content\/uploads\/2025\/07\/Capture-decran-le-2025-07-21-a-10.36.32.jpg?resize=700%2C457&amp;ssl=1 700w, https:\/\/i0.wp.com\/itayachtscanada.com\/wp-content\/uploads\/2025\/07\/Capture-decran-le-2025-07-21-a-10.36.32.jpg?resize=612%2C400&amp;ssl=1 612w, https:\/\/i0.wp.com\/itayachtscanada.com\/wp-content\/uploads\/2025\/07\/Capture-decran-le-2025-07-21-a-10.36.32.jpg?w=1540&amp;ssl=1 1540w, https:\/\/i0.wp.com\/itayachtscanada.com\/wp-content\/uploads\/2025\/07\/Capture-decran-le-2025-07-21-a-10.36.32.jpg?w=1400&amp;ssl=1 1400w\" sizes=\"auto, (max-width: 300px) 100vw, 300px\" \/> <img data-recalc-dims=\"1\" loading=\"lazy\" decoding=\"async\" data-attachment-id=\"280987\" data-permalink=\"https:\/\/itayachtscanada.com\/fr\/listing\/maritimo-m55-2024-2890000-usd-for-sale\/capture-decran-le-2025-07-21-a-10-36-29\/\" data-orig-file=\"https:\/\/i0.wp.com\/itayachtscanada.com\/wp-content\/uploads\/2025\/07\/Capture-decran-le-2025-07-21-a-10.36.29.jpg?fit=1540%2C1006&amp;ssl=1\" data-orig-size=\"1540,1006\" data-comments-opened=\"1\" data-image-meta=\"{&quot;aperture&quot;:&quot;0&quot;,&quot;credit&quot;:&quot;&quot;,&quot;camera&quot;:&quot;&quot;,&quot;caption&quot;:&quot;&quot;,&quot;created_timestamp&quot;:&quot;0&quot;,&quot;copyright&quot;:&quot;&quot;,&quot;focal_length&quot;:&quot;0&quot;,&quot;iso&quot;:&quot;0&quot;,&quot;shutter_speed&quot;:&quot;0&quot;,&quot;title&quot;:&quot;&quot;,&quot;orientation&quot;:&quot;0&quot;}\" data-image-title=\"Capture d\u2019e\u0301cran, le 2025-07-21 a\u0300 10.36.29\" data-image-description=\"\" data-image-caption=\"\" data-large-file=\"https:\/\/i0.wp.com\/itayachtscanada.com\/wp-content\/uploads\/2025\/07\/Capture-decran-le-2025-07-21-a-10.36.29.jpg?fit=700%2C457&amp;ssl=1\" class=\"alignnone size-medium wp-image-280987\" src=\"https:\/\/i0.wp.com\/itayachtscanada.com\/wp-content\/uploads\/2025\/07\/Capture-decran-le-2025-07-21-a-10.36.29.jpg?resize=300%2C196&#038;ssl=1\" alt=\"\" width=\"300\" height=\"196\" srcset=\"https:\/\/i0.wp.com\/itayachtscanada.com\/wp-content\/uploads\/2025\/07\/Capture-decran-le-2025-07-21-a-10.36.29.jpg?resize=300%2C196&amp;ssl=1 300w, https:\/\/i0.wp.com\/itayachtscanada.com\/wp-content\/uploads\/2025\/07\/Capture-decran-le-2025-07-21-a-10.36.29.jpg?resize=1024%2C669&amp;ssl=1 1024w, https:\/\/i0.wp.com\/itayachtscanada.com\/wp-content\/uploads\/2025\/07\/Capture-decran-le-2025-07-21-a-10.36.29.jpg?resize=768%2C502&amp;ssl=1 768w, https:\/\/i0.wp.com\/itayachtscanada.com\/wp-content\/uploads\/2025\/07\/Capture-decran-le-2025-07-21-a-10.36.29.jpg?resize=1536%2C1003&amp;ssl=1 1536w, https:\/\/i0.wp.com\/itayachtscanada.com\/wp-content\/uploads\/2025\/07\/Capture-decran-le-2025-07-21-a-10.36.29.jpg?resize=700%2C457&amp;ssl=1 700w, https:\/\/i0.wp.com\/itayachtscanada.com\/wp-content\/uploads\/2025\/07\/Capture-decran-le-2025-07-21-a-10.36.29.jpg?resize=612%2C400&amp;ssl=1 612w, https:\/\/i0.wp.com\/itayachtscanada.com\/wp-content\/uploads\/2025\/07\/Capture-decran-le-2025-07-21-a-10.36.29.jpg?w=1540&amp;ssl=1 1540w, https:\/\/i0.wp.com\/itayachtscanada.com\/wp-content\/uploads\/2025\/07\/Capture-decran-le-2025-07-21-a-10.36.29.jpg?w=1400&amp;ssl=1 1400w\" sizes=\"auto, (max-width: 300px) 100vw, 300px\" \/> <img data-recalc-dims=\"1\" loading=\"lazy\" decoding=\"async\" data-attachment-id=\"280988\" data-permalink=\"https:\/\/itayachtscanada.com\/fr\/listing\/maritimo-m55-2024-2890000-usd-for-sale\/capture-decran-le-2025-07-21-a-10-36-26\/\" data-orig-file=\"https:\/\/i0.wp.com\/itayachtscanada.com\/wp-content\/uploads\/2025\/07\/Capture-decran-le-2025-07-21-a-10.36.26.jpg?fit=1540%2C1006&amp;ssl=1\" data-orig-size=\"1540,1006\" data-comments-opened=\"1\" data-image-meta=\"{&quot;aperture&quot;:&quot;0&quot;,&quot;credit&quot;:&quot;&quot;,&quot;camera&quot;:&quot;&quot;,&quot;caption&quot;:&quot;&quot;,&quot;created_timestamp&quot;:&quot;0&quot;,&quot;copyright&quot;:&quot;&quot;,&quot;focal_length&quot;:&quot;0&quot;,&quot;iso&quot;:&quot;0&quot;,&quot;shutter_speed&quot;:&quot;0&quot;,&quot;title&quot;:&quot;&quot;,&quot;orientation&quot;:&quot;0&quot;}\" data-image-title=\"Capture d\u2019e\u0301cran, le 2025-07-21 a\u0300 10.36.26\" data-image-description=\"\" data-image-caption=\"\" data-large-file=\"https:\/\/i0.wp.com\/itayachtscanada.com\/wp-content\/uploads\/2025\/07\/Capture-decran-le-2025-07-21-a-10.36.26.jpg?fit=700%2C457&amp;ssl=1\" class=\"alignnone size-medium wp-image-280988\" src=\"https:\/\/i0.wp.com\/itayachtscanada.com\/wp-content\/uploads\/2025\/07\/Capture-decran-le-2025-07-21-a-10.36.26.jpg?resize=300%2C196&#038;ssl=1\" alt=\"\" width=\"300\" height=\"196\" srcset=\"https:\/\/i0.wp.com\/itayachtscanada.com\/wp-content\/uploads\/2025\/07\/Capture-decran-le-2025-07-21-a-10.36.26.jpg?resize=300%2C196&amp;ssl=1 300w, https:\/\/i0.wp.com\/itayachtscanada.com\/wp-content\/uploads\/2025\/07\/Capture-decran-le-2025-07-21-a-10.36.26.jpg?resize=1024%2C669&amp;ssl=1 1024w, https:\/\/i0.wp.com\/itayachtscanada.com\/wp-content\/uploads\/2025\/07\/Capture-decran-le-2025-07-21-a-10.36.26.jpg?resize=768%2C502&amp;ssl=1 768w, https:\/\/i0.wp.com\/itayachtscanada.com\/wp-content\/uploads\/2025\/07\/Capture-decran-le-2025-07-21-a-10.36.26.jpg?resize=1536%2C1003&amp;ssl=1 1536w, https:\/\/i0.wp.com\/itayachtscanada.com\/wp-content\/uploads\/2025\/07\/Capture-decran-le-2025-07-21-a-10.36.26.jpg?resize=700%2C457&amp;ssl=1 700w, https:\/\/i0.wp.com\/itayachtscanada.com\/wp-content\/uploads\/2025\/07\/Capture-decran-le-2025-07-21-a-10.36.26.jpg?resize=612%2C400&amp;ssl=1 612w, https:\/\/i0.wp.com\/itayachtscanada.com\/wp-content\/uploads\/2025\/07\/Capture-decran-le-2025-07-21-a-10.36.26.jpg?w=1540&amp;ssl=1 1540w, https:\/\/i0.wp.com\/itayachtscanada.com\/wp-content\/uploads\/2025\/07\/Capture-decran-le-2025-07-21-a-10.36.26.jpg?w=1400&amp;ssl=1 1400w\" sizes=\"auto, (max-width: 300px) 100vw, 300px\" \/> <img data-recalc-dims=\"1\" loading=\"lazy\" decoding=\"async\" data-attachment-id=\"280989\" data-permalink=\"https:\/\/itayachtscanada.com\/fr\/listing\/maritimo-m55-2024-2890000-usd-for-sale\/capture-decran-le-2025-07-21-a-10-36-23\/\" data-orig-file=\"https:\/\/i0.wp.com\/itayachtscanada.com\/wp-content\/uploads\/2025\/07\/Capture-decran-le-2025-07-21-a-10.36.23.jpg?fit=1540%2C1006&amp;ssl=1\" data-orig-size=\"1540,1006\" data-comments-opened=\"1\" data-image-meta=\"{&quot;aperture&quot;:&quot;0&quot;,&quot;credit&quot;:&quot;&quot;,&quot;camera&quot;:&quot;&quot;,&quot;caption&quot;:&quot;&quot;,&quot;created_timestamp&quot;:&quot;0&quot;,&quot;copyright&quot;:&quot;&quot;,&quot;focal_length&quot;:&quot;0&quot;,&quot;iso&quot;:&quot;0&quot;,&quot;shutter_speed&quot;:&quot;0&quot;,&quot;title&quot;:&quot;&quot;,&quot;orientation&quot;:&quot;0&quot;}\" data-image-title=\"Capture d\u2019e\u0301cran, le 2025-07-21 a\u0300 10.36.23\" data-image-description=\"\" data-image-caption=\"\" data-large-file=\"https:\/\/i0.wp.com\/itayachtscanada.com\/wp-content\/uploads\/2025\/07\/Capture-decran-le-2025-07-21-a-10.36.23.jpg?fit=700%2C457&amp;ssl=1\" class=\"alignnone size-medium wp-image-280989\" src=\"https:\/\/i0.wp.com\/itayachtscanada.com\/wp-content\/uploads\/2025\/07\/Capture-decran-le-2025-07-21-a-10.36.23.jpg?resize=300%2C196&#038;ssl=1\" alt=\"\" width=\"300\" height=\"196\" srcset=\"https:\/\/i0.wp.com\/itayachtscanada.com\/wp-content\/uploads\/2025\/07\/Capture-decran-le-2025-07-21-a-10.36.23.jpg?resize=300%2C196&amp;ssl=1 300w, https:\/\/i0.wp.com\/itayachtscanada.com\/wp-content\/uploads\/2025\/07\/Capture-decran-le-2025-07-21-a-10.36.23.jpg?resize=1024%2C669&amp;ssl=1 1024w, https:\/\/i0.wp.com\/itayachtscanada.com\/wp-content\/uploads\/2025\/07\/Capture-decran-le-2025-07-21-a-10.36.23.jpg?resize=768%2C502&amp;ssl=1 768w, https:\/\/i0.wp.com\/itayachtscanada.com\/wp-content\/uploads\/2025\/07\/Capture-decran-le-2025-07-21-a-10.36.23.jpg?resize=1536%2C1003&amp;ssl=1 1536w, https:\/\/i0.wp.com\/itayachtscanada.com\/wp-content\/uploads\/2025\/07\/Capture-decran-le-2025-07-21-a-10.36.23.jpg?resize=700%2C457&amp;ssl=1 700w, https:\/\/i0.wp.com\/itayachtscanada.com\/wp-content\/uploads\/2025\/07\/Capture-decran-le-2025-07-21-a-10.36.23.jpg?resize=612%2C400&amp;ssl=1 612w, https:\/\/i0.wp.com\/itayachtscanada.com\/wp-content\/uploads\/2025\/07\/Capture-decran-le-2025-07-21-a-10.36.23.jpg?w=1540&amp;ssl=1 1540w, https:\/\/i0.wp.com\/itayachtscanada.com\/wp-content\/uploads\/2025\/07\/Capture-decran-le-2025-07-21-a-10.36.23.jpg?w=1400&amp;ssl=1 1400w\" sizes=\"auto, (max-width: 300px) 100vw, 300px\" \/> <img data-recalc-dims=\"1\" loading=\"lazy\" decoding=\"async\" data-attachment-id=\"280990\" data-permalink=\"https:\/\/itayachtscanada.com\/fr\/listing\/maritimo-m55-2024-2890000-usd-for-sale\/capture-decran-le-2025-07-21-a-10-36-20\/\" data-orig-file=\"https:\/\/i0.wp.com\/itayachtscanada.com\/wp-content\/uploads\/2025\/07\/Capture-decran-le-2025-07-21-a-10.36.20.jpg?fit=1540%2C1006&amp;ssl=1\" data-orig-size=\"1540,1006\" data-comments-opened=\"1\" data-image-meta=\"{&quot;aperture&quot;:&quot;0&quot;,&quot;credit&quot;:&quot;&quot;,&quot;camera&quot;:&quot;&quot;,&quot;caption&quot;:&quot;&quot;,&quot;created_timestamp&quot;:&quot;0&quot;,&quot;copyright&quot;:&quot;&quot;,&quot;focal_length&quot;:&quot;0&quot;,&quot;iso&quot;:&quot;0&quot;,&quot;shutter_speed&quot;:&quot;0&quot;,&quot;title&quot;:&quot;&quot;,&quot;orientation&quot;:&quot;0&quot;}\" data-image-title=\"Capture d\u2019e\u0301cran, le 2025-07-21 a\u0300 10.36.20\" data-image-description=\"\" data-image-caption=\"\" data-large-file=\"https:\/\/i0.wp.com\/itayachtscanada.com\/wp-content\/uploads\/2025\/07\/Capture-decran-le-2025-07-21-a-10.36.20.jpg?fit=700%2C457&amp;ssl=1\" class=\"alignnone size-medium wp-image-280990\" src=\"https:\/\/i0.wp.com\/itayachtscanada.com\/wp-content\/uploads\/2025\/07\/Capture-decran-le-2025-07-21-a-10.36.20.jpg?resize=300%2C196&#038;ssl=1\" alt=\"\" width=\"300\" height=\"196\" srcset=\"https:\/\/i0.wp.com\/itayachtscanada.com\/wp-content\/uploads\/2025\/07\/Capture-decran-le-2025-07-21-a-10.36.20.jpg?resize=300%2C196&amp;ssl=1 300w, https:\/\/i0.wp.com\/itayachtscanada.com\/wp-content\/uploads\/2025\/07\/Capture-decran-le-2025-07-21-a-10.36.20.jpg?resize=1024%2C669&amp;ssl=1 1024w, https:\/\/i0.wp.com\/itayachtscanada.com\/wp-content\/uploads\/2025\/07\/Capture-decran-le-2025-07-21-a-10.36.20.jpg?resize=768%2C502&amp;ssl=1 768w, https:\/\/i0.wp.com\/itayachtscanada.com\/wp-content\/uploads\/2025\/07\/Capture-decran-le-2025-07-21-a-10.36.20.jpg?resize=1536%2C1003&amp;ssl=1 1536w, https:\/\/i0.wp.com\/itayachtscanada.com\/wp-content\/uploads\/2025\/07\/Capture-decran-le-2025-07-21-a-10.36.20.jpg?resize=700%2C457&amp;ssl=1 700w, https:\/\/i0.wp.com\/itayachtscanada.com\/wp-content\/uploads\/2025\/07\/Capture-decran-le-2025-07-21-a-10.36.20.jpg?resize=612%2C400&amp;ssl=1 612w, https:\/\/i0.wp.com\/itayachtscanada.com\/wp-content\/uploads\/2025\/07\/Capture-decran-le-2025-07-21-a-10.36.20.jpg?w=1540&amp;ssl=1 1540w, https:\/\/i0.wp.com\/itayachtscanada.com\/wp-content\/uploads\/2025\/07\/Capture-decran-le-2025-07-21-a-10.36.20.jpg?w=1400&amp;ssl=1 1400w\" sizes=\"auto, (max-width: 300px) 100vw, 300px\" \/> <img data-recalc-dims=\"1\" loading=\"lazy\" decoding=\"async\" data-attachment-id=\"280991\" data-permalink=\"https:\/\/itayachtscanada.com\/fr\/listing\/maritimo-m55-2024-2890000-usd-for-sale\/capture-decran-le-2025-07-21-a-10-36-16\/\" data-orig-file=\"https:\/\/i0.wp.com\/itayachtscanada.com\/wp-content\/uploads\/2025\/07\/Capture-decran-le-2025-07-21-a-10.36.16.jpg?fit=1540%2C1006&amp;ssl=1\" data-orig-size=\"1540,1006\" data-comments-opened=\"1\" data-image-meta=\"{&quot;aperture&quot;:&quot;0&quot;,&quot;credit&quot;:&quot;&quot;,&quot;camera&quot;:&quot;&quot;,&quot;caption&quot;:&quot;&quot;,&quot;created_timestamp&quot;:&quot;0&quot;,&quot;copyright&quot;:&quot;&quot;,&quot;focal_length&quot;:&quot;0&quot;,&quot;iso&quot;:&quot;0&quot;,&quot;shutter_speed&quot;:&quot;0&quot;,&quot;title&quot;:&quot;&quot;,&quot;orientation&quot;:&quot;0&quot;}\" data-image-title=\"Capture d\u2019e\u0301cran, le 2025-07-21 a\u0300 10.36.16\" data-image-description=\"\" data-image-caption=\"\" data-large-file=\"https:\/\/i0.wp.com\/itayachtscanada.com\/wp-content\/uploads\/2025\/07\/Capture-decran-le-2025-07-21-a-10.36.16.jpg?fit=700%2C457&amp;ssl=1\" class=\"alignnone size-medium wp-image-280991\" src=\"https:\/\/i0.wp.com\/itayachtscanada.com\/wp-content\/uploads\/2025\/07\/Capture-decran-le-2025-07-21-a-10.36.16.jpg?resize=300%2C196&#038;ssl=1\" alt=\"\" width=\"300\" height=\"196\" srcset=\"https:\/\/i0.wp.com\/itayachtscanada.com\/wp-content\/uploads\/2025\/07\/Capture-decran-le-2025-07-21-a-10.36.16.jpg?resize=300%2C196&amp;ssl=1 300w, https:\/\/i0.wp.com\/itayachtscanada.com\/wp-content\/uploads\/2025\/07\/Capture-decran-le-2025-07-21-a-10.36.16.jpg?resize=1024%2C669&amp;ssl=1 1024w, https:\/\/i0.wp.com\/itayachtscanada.com\/wp-content\/uploads\/2025\/07\/Capture-decran-le-2025-07-21-a-10.36.16.jpg?resize=768%2C502&amp;ssl=1 768w, https:\/\/i0.wp.com\/itayachtscanada.com\/wp-content\/uploads\/2025\/07\/Capture-decran-le-2025-07-21-a-10.36.16.jpg?resize=1536%2C1003&amp;ssl=1 1536w, https:\/\/i0.wp.com\/itayachtscanada.com\/wp-content\/uploads\/2025\/07\/Capture-decran-le-2025-07-21-a-10.36.16.jpg?resize=700%2C457&amp;ssl=1 700w, https:\/\/i0.wp.com\/itayachtscanada.com\/wp-content\/uploads\/2025\/07\/Capture-decran-le-2025-07-21-a-10.36.16.jpg?resize=612%2C400&amp;ssl=1 612w, https:\/\/i0.wp.com\/itayachtscanada.com\/wp-content\/uploads\/2025\/07\/Capture-decran-le-2025-07-21-a-10.36.16.jpg?w=1540&amp;ssl=1 1540w, https:\/\/i0.wp.com\/itayachtscanada.com\/wp-content\/uploads\/2025\/07\/Capture-decran-le-2025-07-21-a-10.36.16.jpg?w=1400&amp;ssl=1 1400w\" sizes=\"auto, (max-width: 300px) 100vw, 300px\" \/> <img data-recalc-dims=\"1\" loading=\"lazy\" decoding=\"async\" data-attachment-id=\"280992\" data-permalink=\"https:\/\/itayachtscanada.com\/fr\/listing\/maritimo-m55-2024-2890000-usd-for-sale\/capture-decran-le-2025-07-21-a-10-36-13\/\" data-orig-file=\"https:\/\/i0.wp.com\/itayachtscanada.com\/wp-content\/uploads\/2025\/07\/Capture-decran-le-2025-07-21-a-10.36.13.jpg?fit=1540%2C1006&amp;ssl=1\" data-orig-size=\"1540,1006\" data-comments-opened=\"1\" data-image-meta=\"{&quot;aperture&quot;:&quot;0&quot;,&quot;credit&quot;:&quot;&quot;,&quot;camera&quot;:&quot;&quot;,&quot;caption&quot;:&quot;&quot;,&quot;created_timestamp&quot;:&quot;0&quot;,&quot;copyright&quot;:&quot;&quot;,&quot;focal_length&quot;:&quot;0&quot;,&quot;iso&quot;:&quot;0&quot;,&quot;shutter_speed&quot;:&quot;0&quot;,&quot;title&quot;:&quot;&quot;,&quot;orientation&quot;:&quot;0&quot;}\" data-image-title=\"Capture d\u2019e\u0301cran, le 2025-07-21 a\u0300 10.36.13\" data-image-description=\"\" data-image-caption=\"\" data-large-file=\"https:\/\/i0.wp.com\/itayachtscanada.com\/wp-content\/uploads\/2025\/07\/Capture-decran-le-2025-07-21-a-10.36.13.jpg?fit=700%2C457&amp;ssl=1\" class=\"alignnone size-medium wp-image-280992\" src=\"https:\/\/i0.wp.com\/itayachtscanada.com\/wp-content\/uploads\/2025\/07\/Capture-decran-le-2025-07-21-a-10.36.13.jpg?resize=300%2C196&#038;ssl=1\" alt=\"\" width=\"300\" height=\"196\" srcset=\"https:\/\/i0.wp.com\/itayachtscanada.com\/wp-content\/uploads\/2025\/07\/Capture-decran-le-2025-07-21-a-10.36.13.jpg?resize=300%2C196&amp;ssl=1 300w, https:\/\/i0.wp.com\/itayachtscanada.com\/wp-content\/uploads\/2025\/07\/Capture-decran-le-2025-07-21-a-10.36.13.jpg?resize=1024%2C669&amp;ssl=1 1024w, https:\/\/i0.wp.com\/itayachtscanada.com\/wp-content\/uploads\/2025\/07\/Capture-decran-le-2025-07-21-a-10.36.13.jpg?resize=768%2C502&amp;ssl=1 768w, https:\/\/i0.wp.com\/itayachtscanada.com\/wp-content\/uploads\/2025\/07\/Capture-decran-le-2025-07-21-a-10.36.13.jpg?resize=1536%2C1003&amp;ssl=1 1536w, https:\/\/i0.wp.com\/itayachtscanada.com\/wp-content\/uploads\/2025\/07\/Capture-decran-le-2025-07-21-a-10.36.13.jpg?resize=700%2C457&amp;ssl=1 700w, https:\/\/i0.wp.com\/itayachtscanada.com\/wp-content\/uploads\/2025\/07\/Capture-decran-le-2025-07-21-a-10.36.13.jpg?resize=612%2C400&amp;ssl=1 612w, https:\/\/i0.wp.com\/itayachtscanada.com\/wp-content\/uploads\/2025\/07\/Capture-decran-le-2025-07-21-a-10.36.13.jpg?w=1540&amp;ssl=1 1540w, https:\/\/i0.wp.com\/itayachtscanada.com\/wp-content\/uploads\/2025\/07\/Capture-decran-le-2025-07-21-a-10.36.13.jpg?w=1400&amp;ssl=1 1400w\" sizes=\"auto, (max-width: 300px) 100vw, 300px\" \/> <img data-recalc-dims=\"1\" loading=\"lazy\" decoding=\"async\" data-attachment-id=\"280993\" data-permalink=\"https:\/\/itayachtscanada.com\/fr\/listing\/maritimo-m55-2024-2890000-usd-for-sale\/capture-decran-le-2025-07-21-a-10-36-10\/\" data-orig-file=\"https:\/\/i0.wp.com\/itayachtscanada.com\/wp-content\/uploads\/2025\/07\/Capture-decran-le-2025-07-21-a-10.36.10.jpg?fit=1540%2C1006&amp;ssl=1\" data-orig-size=\"1540,1006\" data-comments-opened=\"1\" data-image-meta=\"{&quot;aperture&quot;:&quot;0&quot;,&quot;credit&quot;:&quot;&quot;,&quot;camera&quot;:&quot;&quot;,&quot;caption&quot;:&quot;&quot;,&quot;created_timestamp&quot;:&quot;0&quot;,&quot;copyright&quot;:&quot;&quot;,&quot;focal_length&quot;:&quot;0&quot;,&quot;iso&quot;:&quot;0&quot;,&quot;shutter_speed&quot;:&quot;0&quot;,&quot;title&quot;:&quot;&quot;,&quot;orientation&quot;:&quot;0&quot;}\" data-image-title=\"Capture d\u2019e\u0301cran, le 2025-07-21 a\u0300 10.36.10\" data-image-description=\"\" data-image-caption=\"\" data-large-file=\"https:\/\/i0.wp.com\/itayachtscanada.com\/wp-content\/uploads\/2025\/07\/Capture-decran-le-2025-07-21-a-10.36.10.jpg?fit=700%2C457&amp;ssl=1\" class=\"alignnone size-medium wp-image-280993\" src=\"https:\/\/i0.wp.com\/itayachtscanada.com\/wp-content\/uploads\/2025\/07\/Capture-decran-le-2025-07-21-a-10.36.10.jpg?resize=300%2C196&#038;ssl=1\" alt=\"\" width=\"300\" height=\"196\" srcset=\"https:\/\/i0.wp.com\/itayachtscanada.com\/wp-content\/uploads\/2025\/07\/Capture-decran-le-2025-07-21-a-10.36.10.jpg?resize=300%2C196&amp;ssl=1 300w, https:\/\/i0.wp.com\/itayachtscanada.com\/wp-content\/uploads\/2025\/07\/Capture-decran-le-2025-07-21-a-10.36.10.jpg?resize=1024%2C669&amp;ssl=1 1024w, https:\/\/i0.wp.com\/itayachtscanada.com\/wp-content\/uploads\/2025\/07\/Capture-decran-le-2025-07-21-a-10.36.10.jpg?resize=768%2C502&amp;ssl=1 768w, https:\/\/i0.wp.com\/itayachtscanada.com\/wp-content\/uploads\/2025\/07\/Capture-decran-le-2025-07-21-a-10.36.10.jpg?resize=1536%2C1003&amp;ssl=1 1536w, https:\/\/i0.wp.com\/itayachtscanada.com\/wp-content\/uploads\/2025\/07\/Capture-decran-le-2025-07-21-a-10.36.10.jpg?resize=700%2C457&amp;ssl=1 700w, https:\/\/i0.wp.com\/itayachtscanada.com\/wp-content\/uploads\/2025\/07\/Capture-decran-le-2025-07-21-a-10.36.10.jpg?resize=612%2C400&amp;ssl=1 612w, https:\/\/i0.wp.com\/itayachtscanada.com\/wp-content\/uploads\/2025\/07\/Capture-decran-le-2025-07-21-a-10.36.10.jpg?w=1540&amp;ssl=1 1540w, https:\/\/i0.wp.com\/itayachtscanada.com\/wp-content\/uploads\/2025\/07\/Capture-decran-le-2025-07-21-a-10.36.10.jpg?w=1400&amp;ssl=1 1400w\" sizes=\"auto, (max-width: 300px) 100vw, 300px\" \/> <img data-recalc-dims=\"1\" loading=\"lazy\" decoding=\"async\" data-attachment-id=\"280994\" data-permalink=\"https:\/\/itayachtscanada.com\/fr\/listing\/maritimo-m55-2024-2890000-usd-for-sale\/capture-decran-le-2025-07-21-a-10-36-07\/\" data-orig-file=\"https:\/\/i0.wp.com\/itayachtscanada.com\/wp-content\/uploads\/2025\/07\/Capture-decran-le-2025-07-21-a-10.36.07.jpg?fit=1540%2C1006&amp;ssl=1\" data-orig-size=\"1540,1006\" data-comments-opened=\"1\" data-image-meta=\"{&quot;aperture&quot;:&quot;0&quot;,&quot;credit&quot;:&quot;&quot;,&quot;camera&quot;:&quot;&quot;,&quot;caption&quot;:&quot;&quot;,&quot;created_timestamp&quot;:&quot;0&quot;,&quot;copyright&quot;:&quot;&quot;,&quot;focal_length&quot;:&quot;0&quot;,&quot;iso&quot;:&quot;0&quot;,&quot;shutter_speed&quot;:&quot;0&quot;,&quot;title&quot;:&quot;&quot;,&quot;orientation&quot;:&quot;0&quot;}\" data-image-title=\"Capture d\u2019e\u0301cran, le 2025-07-21 a\u0300 10.36.07\" data-image-description=\"\" data-image-caption=\"\" data-large-file=\"https:\/\/i0.wp.com\/itayachtscanada.com\/wp-content\/uploads\/2025\/07\/Capture-decran-le-2025-07-21-a-10.36.07.jpg?fit=700%2C457&amp;ssl=1\" class=\"alignnone size-medium wp-image-280994\" src=\"https:\/\/i0.wp.com\/itayachtscanada.com\/wp-content\/uploads\/2025\/07\/Capture-decran-le-2025-07-21-a-10.36.07.jpg?resize=300%2C196&#038;ssl=1\" alt=\"\" width=\"300\" height=\"196\" srcset=\"https:\/\/i0.wp.com\/itayachtscanada.com\/wp-content\/uploads\/2025\/07\/Capture-decran-le-2025-07-21-a-10.36.07.jpg?resize=300%2C196&amp;ssl=1 300w, https:\/\/i0.wp.com\/itayachtscanada.com\/wp-content\/uploads\/2025\/07\/Capture-decran-le-2025-07-21-a-10.36.07.jpg?resize=1024%2C669&amp;ssl=1 1024w, https:\/\/i0.wp.com\/itayachtscanada.com\/wp-content\/uploads\/2025\/07\/Capture-decran-le-2025-07-21-a-10.36.07.jpg?resize=768%2C502&amp;ssl=1 768w, https:\/\/i0.wp.com\/itayachtscanada.com\/wp-content\/uploads\/2025\/07\/Capture-decran-le-2025-07-21-a-10.36.07.jpg?resize=1536%2C1003&amp;ssl=1 1536w, https:\/\/i0.wp.com\/itayachtscanada.com\/wp-content\/uploads\/2025\/07\/Capture-decran-le-2025-07-21-a-10.36.07.jpg?resize=700%2C457&amp;ssl=1 700w, https:\/\/i0.wp.com\/itayachtscanada.com\/wp-content\/uploads\/2025\/07\/Capture-decran-le-2025-07-21-a-10.36.07.jpg?resize=612%2C400&amp;ssl=1 612w, https:\/\/i0.wp.com\/itayachtscanada.com\/wp-content\/uploads\/2025\/07\/Capture-decran-le-2025-07-21-a-10.36.07.jpg?w=1540&amp;ssl=1 1540w, https:\/\/i0.wp.com\/itayachtscanada.com\/wp-content\/uploads\/2025\/07\/Capture-decran-le-2025-07-21-a-10.36.07.jpg?w=1400&amp;ssl=1 1400w\" sizes=\"auto, (max-width: 300px) 100vw, 300px\" \/> <img data-recalc-dims=\"1\" loading=\"lazy\" decoding=\"async\" data-attachment-id=\"280995\" data-permalink=\"https:\/\/itayachtscanada.com\/fr\/listing\/maritimo-m55-2024-2890000-usd-for-sale\/capture-decran-le-2025-07-21-a-10-35-58\/\" data-orig-file=\"https:\/\/i0.wp.com\/itayachtscanada.com\/wp-content\/uploads\/2025\/07\/Capture-decran-le-2025-07-21-a-10.35.58.jpg?fit=1540%2C1006&amp;ssl=1\" data-orig-size=\"1540,1006\" data-comments-opened=\"1\" data-image-meta=\"{&quot;aperture&quot;:&quot;0&quot;,&quot;credit&quot;:&quot;&quot;,&quot;camera&quot;:&quot;&quot;,&quot;caption&quot;:&quot;&quot;,&quot;created_timestamp&quot;:&quot;0&quot;,&quot;copyright&quot;:&quot;&quot;,&quot;focal_length&quot;:&quot;0&quot;,&quot;iso&quot;:&quot;0&quot;,&quot;shutter_speed&quot;:&quot;0&quot;,&quot;title&quot;:&quot;&quot;,&quot;orientation&quot;:&quot;0&quot;}\" data-image-title=\"Capture d\u2019e\u0301cran, le 2025-07-21 a\u0300 10.35.58\" data-image-description=\"\" data-image-caption=\"\" data-large-file=\"https:\/\/i0.wp.com\/itayachtscanada.com\/wp-content\/uploads\/2025\/07\/Capture-decran-le-2025-07-21-a-10.35.58.jpg?fit=700%2C457&amp;ssl=1\" class=\"alignnone size-medium wp-image-280995\" src=\"https:\/\/i0.wp.com\/itayachtscanada.com\/wp-content\/uploads\/2025\/07\/Capture-decran-le-2025-07-21-a-10.35.58.jpg?resize=300%2C196&#038;ssl=1\" alt=\"\" width=\"300\" height=\"196\" srcset=\"https:\/\/i0.wp.com\/itayachtscanada.com\/wp-content\/uploads\/2025\/07\/Capture-decran-le-2025-07-21-a-10.35.58.jpg?resize=300%2C196&amp;ssl=1 300w, https:\/\/i0.wp.com\/itayachtscanada.com\/wp-content\/uploads\/2025\/07\/Capture-decran-le-2025-07-21-a-10.35.58.jpg?resize=1024%2C669&amp;ssl=1 1024w, https:\/\/i0.wp.com\/itayachtscanada.com\/wp-content\/uploads\/2025\/07\/Capture-decran-le-2025-07-21-a-10.35.58.jpg?resize=768%2C502&amp;ssl=1 768w, https:\/\/i0.wp.com\/itayachtscanada.com\/wp-content\/uploads\/2025\/07\/Capture-decran-le-2025-07-21-a-10.35.58.jpg?resize=1536%2C1003&amp;ssl=1 1536w, https:\/\/i0.wp.com\/itayachtscanada.com\/wp-content\/uploads\/2025\/07\/Capture-decran-le-2025-07-21-a-10.35.58.jpg?resize=700%2C457&amp;ssl=1 700w, https:\/\/i0.wp.com\/itayachtscanada.com\/wp-content\/uploads\/2025\/07\/Capture-decran-le-2025-07-21-a-10.35.58.jpg?resize=612%2C400&amp;ssl=1 612w, https:\/\/i0.wp.com\/itayachtscanada.com\/wp-content\/uploads\/2025\/07\/Capture-decran-le-2025-07-21-a-10.35.58.jpg?w=1540&amp;ssl=1 1540w, https:\/\/i0.wp.com\/itayachtscanada.com\/wp-content\/uploads\/2025\/07\/Capture-decran-le-2025-07-21-a-10.35.58.jpg?w=1400&amp;ssl=1 1400w\" sizes=\"auto, (max-width: 300px) 100vw, 300px\" \/> <img data-recalc-dims=\"1\" loading=\"lazy\" decoding=\"async\" data-attachment-id=\"280996\" data-permalink=\"https:\/\/itayachtscanada.com\/fr\/listing\/maritimo-m55-2024-2890000-usd-for-sale\/capture-decran-le-2025-07-21-a-10-35-50\/\" data-orig-file=\"https:\/\/i0.wp.com\/itayachtscanada.com\/wp-content\/uploads\/2025\/07\/Capture-decran-le-2025-07-21-a-10.35.50.jpg?fit=672%2C1006&amp;ssl=1\" data-orig-size=\"672,1006\" data-comments-opened=\"1\" data-image-meta=\"{&quot;aperture&quot;:&quot;0&quot;,&quot;credit&quot;:&quot;&quot;,&quot;camera&quot;:&quot;&quot;,&quot;caption&quot;:&quot;&quot;,&quot;created_timestamp&quot;:&quot;0&quot;,&quot;copyright&quot;:&quot;&quot;,&quot;focal_length&quot;:&quot;0&quot;,&quot;iso&quot;:&quot;0&quot;,&quot;shutter_speed&quot;:&quot;0&quot;,&quot;title&quot;:&quot;&quot;,&quot;orientation&quot;:&quot;0&quot;}\" data-image-title=\"Capture d\u2019e\u0301cran, le 2025-07-21 a\u0300 10.35.50\" data-image-description=\"\" data-image-caption=\"\" data-large-file=\"https:\/\/i0.wp.com\/itayachtscanada.com\/wp-content\/uploads\/2025\/07\/Capture-decran-le-2025-07-21-a-10.35.50.jpg?fit=672%2C1006&amp;ssl=1\" class=\"alignnone size-medium wp-image-280996\" src=\"https:\/\/i0.wp.com\/itayachtscanada.com\/wp-content\/uploads\/2025\/07\/Capture-decran-le-2025-07-21-a-10.35.50.jpg?resize=200%2C300&#038;ssl=1\" alt=\"\" width=\"200\" height=\"300\" srcset=\"https:\/\/i0.wp.com\/itayachtscanada.com\/wp-content\/uploads\/2025\/07\/Capture-decran-le-2025-07-21-a-10.35.50.jpg?resize=200%2C300&amp;ssl=1 200w, https:\/\/i0.wp.com\/itayachtscanada.com\/wp-content\/uploads\/2025\/07\/Capture-decran-le-2025-07-21-a-10.35.50.jpg?resize=267%2C400&amp;ssl=1 267w, https:\/\/i0.wp.com\/itayachtscanada.com\/wp-content\/uploads\/2025\/07\/Capture-decran-le-2025-07-21-a-10.35.50.jpg?w=672&amp;ssl=1 672w\" sizes=\"auto, (max-width: 200px) 100vw, 200px\" \/> <img data-recalc-dims=\"1\" loading=\"lazy\" decoding=\"async\" data-attachment-id=\"280997\" data-permalink=\"https:\/\/itayachtscanada.com\/fr\/listing\/maritimo-m55-2024-2890000-usd-for-sale\/capture-decran-le-2025-07-21-a-10-35-47\/\" data-orig-file=\"https:\/\/i0.wp.com\/itayachtscanada.com\/wp-content\/uploads\/2025\/07\/Capture-decran-le-2025-07-21-a-10.35.47.jpg?fit=1532%2C1006&amp;ssl=1\" data-orig-size=\"1532,1006\" data-comments-opened=\"1\" data-image-meta=\"{&quot;aperture&quot;:&quot;0&quot;,&quot;credit&quot;:&quot;&quot;,&quot;camera&quot;:&quot;&quot;,&quot;caption&quot;:&quot;&quot;,&quot;created_timestamp&quot;:&quot;0&quot;,&quot;copyright&quot;:&quot;&quot;,&quot;focal_length&quot;:&quot;0&quot;,&quot;iso&quot;:&quot;0&quot;,&quot;shutter_speed&quot;:&quot;0&quot;,&quot;title&quot;:&quot;&quot;,&quot;orientation&quot;:&quot;0&quot;}\" data-image-title=\"Capture d\u2019e\u0301cran, le 2025-07-21 a\u0300 10.35.47\" data-image-description=\"\" data-image-caption=\"\" data-large-file=\"https:\/\/i0.wp.com\/itayachtscanada.com\/wp-content\/uploads\/2025\/07\/Capture-decran-le-2025-07-21-a-10.35.47.jpg?fit=700%2C459&amp;ssl=1\" class=\"alignnone size-medium wp-image-280997\" src=\"https:\/\/i0.wp.com\/itayachtscanada.com\/wp-content\/uploads\/2025\/07\/Capture-decran-le-2025-07-21-a-10.35.47.jpg?resize=300%2C197&#038;ssl=1\" alt=\"\" width=\"300\" height=\"197\" srcset=\"https:\/\/i0.wp.com\/itayachtscanada.com\/wp-content\/uploads\/2025\/07\/Capture-decran-le-2025-07-21-a-10.35.47.jpg?resize=300%2C197&amp;ssl=1 300w, https:\/\/i0.wp.com\/itayachtscanada.com\/wp-content\/uploads\/2025\/07\/Capture-decran-le-2025-07-21-a-10.35.47.jpg?resize=1024%2C672&amp;ssl=1 1024w, https:\/\/i0.wp.com\/itayachtscanada.com\/wp-content\/uploads\/2025\/07\/Capture-decran-le-2025-07-21-a-10.35.47.jpg?resize=768%2C504&amp;ssl=1 768w, https:\/\/i0.wp.com\/itayachtscanada.com\/wp-content\/uploads\/2025\/07\/Capture-decran-le-2025-07-21-a-10.35.47.jpg?resize=700%2C460&amp;ssl=1 700w, https:\/\/i0.wp.com\/itayachtscanada.com\/wp-content\/uploads\/2025\/07\/Capture-decran-le-2025-07-21-a-10.35.47.jpg?resize=609%2C400&amp;ssl=1 609w, https:\/\/i0.wp.com\/itayachtscanada.com\/wp-content\/uploads\/2025\/07\/Capture-decran-le-2025-07-21-a-10.35.47.jpg?w=1532&amp;ssl=1 1532w, https:\/\/i0.wp.com\/itayachtscanada.com\/wp-content\/uploads\/2025\/07\/Capture-decran-le-2025-07-21-a-10.35.47.jpg?w=1400&amp;ssl=1 1400w\" sizes=\"auto, (max-width: 300px) 100vw, 300px\" \/> <img data-recalc-dims=\"1\" loading=\"lazy\" decoding=\"async\" data-attachment-id=\"280998\" data-permalink=\"https:\/\/itayachtscanada.com\/fr\/listing\/maritimo-m55-2024-2890000-usd-for-sale\/capture-decran-le-2025-07-21-a-10-35-44\/\" data-orig-file=\"https:\/\/i0.wp.com\/itayachtscanada.com\/wp-content\/uploads\/2025\/07\/Capture-decran-le-2025-07-21-a-10.35.44.jpg?fit=1532%2C1006&amp;ssl=1\" data-orig-size=\"1532,1006\" data-comments-opened=\"1\" data-image-meta=\"{&quot;aperture&quot;:&quot;0&quot;,&quot;credit&quot;:&quot;&quot;,&quot;camera&quot;:&quot;&quot;,&quot;caption&quot;:&quot;&quot;,&quot;created_timestamp&quot;:&quot;0&quot;,&quot;copyright&quot;:&quot;&quot;,&quot;focal_length&quot;:&quot;0&quot;,&quot;iso&quot;:&quot;0&quot;,&quot;shutter_speed&quot;:&quot;0&quot;,&quot;title&quot;:&quot;&quot;,&quot;orientation&quot;:&quot;0&quot;}\" data-image-title=\"Capture d\u2019e\u0301cran, le 2025-07-21 a\u0300 10.35.44\" data-image-description=\"\" data-image-caption=\"\" data-large-file=\"https:\/\/i0.wp.com\/itayachtscanada.com\/wp-content\/uploads\/2025\/07\/Capture-decran-le-2025-07-21-a-10.35.44.jpg?fit=700%2C459&amp;ssl=1\" class=\"alignnone size-medium wp-image-280998\" src=\"https:\/\/i0.wp.com\/itayachtscanada.com\/wp-content\/uploads\/2025\/07\/Capture-decran-le-2025-07-21-a-10.35.44.jpg?resize=300%2C197&#038;ssl=1\" alt=\"\" width=\"300\" height=\"197\" srcset=\"https:\/\/i0.wp.com\/itayachtscanada.com\/wp-content\/uploads\/2025\/07\/Capture-decran-le-2025-07-21-a-10.35.44.jpg?resize=300%2C197&amp;ssl=1 300w, https:\/\/i0.wp.com\/itayachtscanada.com\/wp-content\/uploads\/2025\/07\/Capture-decran-le-2025-07-21-a-10.35.44.jpg?resize=1024%2C672&amp;ssl=1 1024w, https:\/\/i0.wp.com\/itayachtscanada.com\/wp-content\/uploads\/2025\/07\/Capture-decran-le-2025-07-21-a-10.35.44.jpg?resize=768%2C504&amp;ssl=1 768w, https:\/\/i0.wp.com\/itayachtscanada.com\/wp-content\/uploads\/2025\/07\/Capture-decran-le-2025-07-21-a-10.35.44.jpg?resize=700%2C460&amp;ssl=1 700w, https:\/\/i0.wp.com\/itayachtscanada.com\/wp-content\/uploads\/2025\/07\/Capture-decran-le-2025-07-21-a-10.35.44.jpg?resize=609%2C400&amp;ssl=1 609w, https:\/\/i0.wp.com\/itayachtscanada.com\/wp-content\/uploads\/2025\/07\/Capture-decran-le-2025-07-21-a-10.35.44.jpg?w=1532&amp;ssl=1 1532w, https:\/\/i0.wp.com\/itayachtscanada.com\/wp-content\/uploads\/2025\/07\/Capture-decran-le-2025-07-21-a-10.35.44.jpg?w=1400&amp;ssl=1 1400w\" sizes=\"auto, (max-width: 300px) 100vw, 300px\" \/> <img data-recalc-dims=\"1\" loading=\"lazy\" decoding=\"async\" data-attachment-id=\"280999\" data-permalink=\"https:\/\/itayachtscanada.com\/fr\/listing\/maritimo-m55-2024-2890000-usd-for-sale\/capture-decran-le-2025-07-21-a-10-35-41\/\" data-orig-file=\"https:\/\/i0.wp.com\/itayachtscanada.com\/wp-content\/uploads\/2025\/07\/Capture-decran-le-2025-07-21-a-10.35.41.jpg?fit=1532%2C1006&amp;ssl=1\" data-orig-size=\"1532,1006\" data-comments-opened=\"1\" data-image-meta=\"{&quot;aperture&quot;:&quot;0&quot;,&quot;credit&quot;:&quot;&quot;,&quot;camera&quot;:&quot;&quot;,&quot;caption&quot;:&quot;&quot;,&quot;created_timestamp&quot;:&quot;0&quot;,&quot;copyright&quot;:&quot;&quot;,&quot;focal_length&quot;:&quot;0&quot;,&quot;iso&quot;:&quot;0&quot;,&quot;shutter_speed&quot;:&quot;0&quot;,&quot;title&quot;:&quot;&quot;,&quot;orientation&quot;:&quot;0&quot;}\" data-image-title=\"Capture d\u2019e\u0301cran, le 2025-07-21 a\u0300 10.35.41\" data-image-description=\"\" data-image-caption=\"\" data-large-file=\"https:\/\/i0.wp.com\/itayachtscanada.com\/wp-content\/uploads\/2025\/07\/Capture-decran-le-2025-07-21-a-10.35.41.jpg?fit=700%2C459&amp;ssl=1\" class=\"alignnone size-medium wp-image-280999\" src=\"https:\/\/i0.wp.com\/itayachtscanada.com\/wp-content\/uploads\/2025\/07\/Capture-decran-le-2025-07-21-a-10.35.41.jpg?resize=300%2C197&#038;ssl=1\" alt=\"\" width=\"300\" height=\"197\" srcset=\"https:\/\/i0.wp.com\/itayachtscanada.com\/wp-content\/uploads\/2025\/07\/Capture-decran-le-2025-07-21-a-10.35.41.jpg?resize=300%2C197&amp;ssl=1 300w, https:\/\/i0.wp.com\/itayachtscanada.com\/wp-content\/uploads\/2025\/07\/Capture-decran-le-2025-07-21-a-10.35.41.jpg?resize=1024%2C672&amp;ssl=1 1024w, https:\/\/i0.wp.com\/itayachtscanada.com\/wp-content\/uploads\/2025\/07\/Capture-decran-le-2025-07-21-a-10.35.41.jpg?resize=768%2C504&amp;ssl=1 768w, https:\/\/i0.wp.com\/itayachtscanada.com\/wp-content\/uploads\/2025\/07\/Capture-decran-le-2025-07-21-a-10.35.41.jpg?resize=700%2C460&amp;ssl=1 700w, https:\/\/i0.wp.com\/itayachtscanada.com\/wp-content\/uploads\/2025\/07\/Capture-decran-le-2025-07-21-a-10.35.41.jpg?resize=609%2C400&amp;ssl=1 609w, https:\/\/i0.wp.com\/itayachtscanada.com\/wp-content\/uploads\/2025\/07\/Capture-decran-le-2025-07-21-a-10.35.41.jpg?w=1532&amp;ssl=1 1532w, https:\/\/i0.wp.com\/itayachtscanada.com\/wp-content\/uploads\/2025\/07\/Capture-decran-le-2025-07-21-a-10.35.41.jpg?w=1400&amp;ssl=1 1400w\" sizes=\"auto, (max-width: 300px) 100vw, 300px\" \/> <img data-recalc-dims=\"1\" loading=\"lazy\" decoding=\"async\" data-attachment-id=\"281000\" data-permalink=\"https:\/\/itayachtscanada.com\/fr\/listing\/maritimo-m55-2024-2890000-usd-for-sale\/capture-decran-le-2025-07-21-a-10-35-34\/\" data-orig-file=\"https:\/\/i0.wp.com\/itayachtscanada.com\/wp-content\/uploads\/2025\/07\/Capture-decran-le-2025-07-21-a-10.35.34.jpg?fit=1532%2C1006&amp;ssl=1\" data-orig-size=\"1532,1006\" data-comments-opened=\"1\" data-image-meta=\"{&quot;aperture&quot;:&quot;0&quot;,&quot;credit&quot;:&quot;&quot;,&quot;camera&quot;:&quot;&quot;,&quot;caption&quot;:&quot;&quot;,&quot;created_timestamp&quot;:&quot;0&quot;,&quot;copyright&quot;:&quot;&quot;,&quot;focal_length&quot;:&quot;0&quot;,&quot;iso&quot;:&quot;0&quot;,&quot;shutter_speed&quot;:&quot;0&quot;,&quot;title&quot;:&quot;&quot;,&quot;orientation&quot;:&quot;0&quot;}\" data-image-title=\"Capture d\u2019e\u0301cran, le 2025-07-21 a\u0300 10.35.34\" data-image-description=\"\" data-image-caption=\"\" data-large-file=\"https:\/\/i0.wp.com\/itayachtscanada.com\/wp-content\/uploads\/2025\/07\/Capture-decran-le-2025-07-21-a-10.35.34.jpg?fit=700%2C459&amp;ssl=1\" class=\"alignnone size-medium wp-image-281000\" src=\"https:\/\/i0.wp.com\/itayachtscanada.com\/wp-content\/uploads\/2025\/07\/Capture-decran-le-2025-07-21-a-10.35.34.jpg?resize=300%2C197&#038;ssl=1\" alt=\"\" width=\"300\" height=\"197\" srcset=\"https:\/\/i0.wp.com\/itayachtscanada.com\/wp-content\/uploads\/2025\/07\/Capture-decran-le-2025-07-21-a-10.35.34.jpg?resize=300%2C197&amp;ssl=1 300w, https:\/\/i0.wp.com\/itayachtscanada.com\/wp-content\/uploads\/2025\/07\/Capture-decran-le-2025-07-21-a-10.35.34.jpg?resize=1024%2C672&amp;ssl=1 1024w, https:\/\/i0.wp.com\/itayachtscanada.com\/wp-content\/uploads\/2025\/07\/Capture-decran-le-2025-07-21-a-10.35.34.jpg?resize=768%2C504&amp;ssl=1 768w, https:\/\/i0.wp.com\/itayachtscanada.com\/wp-content\/uploads\/2025\/07\/Capture-decran-le-2025-07-21-a-10.35.34.jpg?resize=700%2C460&amp;ssl=1 700w, https:\/\/i0.wp.com\/itayachtscanada.com\/wp-content\/uploads\/2025\/07\/Capture-decran-le-2025-07-21-a-10.35.34.jpg?resize=609%2C400&amp;ssl=1 609w, https:\/\/i0.wp.com\/itayachtscanada.com\/wp-content\/uploads\/2025\/07\/Capture-decran-le-2025-07-21-a-10.35.34.jpg?w=1532&amp;ssl=1 1532w, https:\/\/i0.wp.com\/itayachtscanada.com\/wp-content\/uploads\/2025\/07\/Capture-decran-le-2025-07-21-a-10.35.34.jpg?w=1400&amp;ssl=1 1400w\" sizes=\"auto, (max-width: 300px) 100vw, 300px\" \/> <img data-recalc-dims=\"1\" loading=\"lazy\" decoding=\"async\" data-attachment-id=\"281001\" data-permalink=\"https:\/\/itayachtscanada.com\/fr\/listing\/maritimo-m55-2024-2890000-usd-for-sale\/capture-decran-le-2025-07-21-a-10-35-29\/\" data-orig-file=\"https:\/\/i0.wp.com\/itayachtscanada.com\/wp-content\/uploads\/2025\/07\/Capture-decran-le-2025-07-21-a-10.35.29.jpg?fit=1532%2C1006&amp;ssl=1\" data-orig-size=\"1532,1006\" data-comments-opened=\"1\" data-image-meta=\"{&quot;aperture&quot;:&quot;0&quot;,&quot;credit&quot;:&quot;&quot;,&quot;camera&quot;:&quot;&quot;,&quot;caption&quot;:&quot;&quot;,&quot;created_timestamp&quot;:&quot;0&quot;,&quot;copyright&quot;:&quot;&quot;,&quot;focal_length&quot;:&quot;0&quot;,&quot;iso&quot;:&quot;0&quot;,&quot;shutter_speed&quot;:&quot;0&quot;,&quot;title&quot;:&quot;&quot;,&quot;orientation&quot;:&quot;0&quot;}\" data-image-title=\"Capture d\u2019e\u0301cran, le 2025-07-21 a\u0300 10.35.29\" data-image-description=\"\" data-image-caption=\"\" data-large-file=\"https:\/\/i0.wp.com\/itayachtscanada.com\/wp-content\/uploads\/2025\/07\/Capture-decran-le-2025-07-21-a-10.35.29.jpg?fit=700%2C459&amp;ssl=1\" class=\"alignnone size-medium wp-image-281001\" src=\"https:\/\/i0.wp.com\/itayachtscanada.com\/wp-content\/uploads\/2025\/07\/Capture-decran-le-2025-07-21-a-10.35.29.jpg?resize=300%2C197&#038;ssl=1\" alt=\"\" width=\"300\" height=\"197\" srcset=\"https:\/\/i0.wp.com\/itayachtscanada.com\/wp-content\/uploads\/2025\/07\/Capture-decran-le-2025-07-21-a-10.35.29.jpg?resize=300%2C197&amp;ssl=1 300w, https:\/\/i0.wp.com\/itayachtscanada.com\/wp-content\/uploads\/2025\/07\/Capture-decran-le-2025-07-21-a-10.35.29.jpg?resize=1024%2C672&amp;ssl=1 1024w, https:\/\/i0.wp.com\/itayachtscanada.com\/wp-content\/uploads\/2025\/07\/Capture-decran-le-2025-07-21-a-10.35.29.jpg?resize=768%2C504&amp;ssl=1 768w, https:\/\/i0.wp.com\/itayachtscanada.com\/wp-content\/uploads\/2025\/07\/Capture-decran-le-2025-07-21-a-10.35.29.jpg?resize=700%2C460&amp;ssl=1 700w, https:\/\/i0.wp.com\/itayachtscanada.com\/wp-content\/uploads\/2025\/07\/Capture-decran-le-2025-07-21-a-10.35.29.jpg?resize=609%2C400&amp;ssl=1 609w, https:\/\/i0.wp.com\/itayachtscanada.com\/wp-content\/uploads\/2025\/07\/Capture-decran-le-2025-07-21-a-10.35.29.jpg?w=1532&amp;ssl=1 1532w, https:\/\/i0.wp.com\/itayachtscanada.com\/wp-content\/uploads\/2025\/07\/Capture-decran-le-2025-07-21-a-10.35.29.jpg?w=1400&amp;ssl=1 1400w\" sizes=\"auto, (max-width: 300px) 100vw, 300px\" \/> <img data-recalc-dims=\"1\" loading=\"lazy\" decoding=\"async\" data-attachment-id=\"281002\" data-permalink=\"https:\/\/itayachtscanada.com\/fr\/listing\/maritimo-m55-2024-2890000-usd-for-sale\/capture-decran-le-2025-07-21-a-10-35-25\/\" data-orig-file=\"https:\/\/i0.wp.com\/itayachtscanada.com\/wp-content\/uploads\/2025\/07\/Capture-decran-le-2025-07-21-a-10.35.25.jpg?fit=1532%2C1006&amp;ssl=1\" data-orig-size=\"1532,1006\" data-comments-opened=\"1\" data-image-meta=\"{&quot;aperture&quot;:&quot;0&quot;,&quot;credit&quot;:&quot;&quot;,&quot;camera&quot;:&quot;&quot;,&quot;caption&quot;:&quot;&quot;,&quot;created_timestamp&quot;:&quot;0&quot;,&quot;copyright&quot;:&quot;&quot;,&quot;focal_length&quot;:&quot;0&quot;,&quot;iso&quot;:&quot;0&quot;,&quot;shutter_speed&quot;:&quot;0&quot;,&quot;title&quot;:&quot;&quot;,&quot;orientation&quot;:&quot;0&quot;}\" data-image-title=\"Capture d\u2019e\u0301cran, le 2025-07-21 a\u0300 10.35.25\" data-image-description=\"\" data-image-caption=\"\" data-large-file=\"https:\/\/i0.wp.com\/itayachtscanada.com\/wp-content\/uploads\/2025\/07\/Capture-decran-le-2025-07-21-a-10.35.25.jpg?fit=700%2C459&amp;ssl=1\" class=\"alignnone size-medium wp-image-281002\" src=\"https:\/\/i0.wp.com\/itayachtscanada.com\/wp-content\/uploads\/2025\/07\/Capture-decran-le-2025-07-21-a-10.35.25.jpg?resize=300%2C197&#038;ssl=1\" alt=\"\" width=\"300\" height=\"197\" srcset=\"https:\/\/i0.wp.com\/itayachtscanada.com\/wp-content\/uploads\/2025\/07\/Capture-decran-le-2025-07-21-a-10.35.25.jpg?resize=300%2C197&amp;ssl=1 300w, https:\/\/i0.wp.com\/itayachtscanada.com\/wp-content\/uploads\/2025\/07\/Capture-decran-le-2025-07-21-a-10.35.25.jpg?resize=1024%2C672&amp;ssl=1 1024w, https:\/\/i0.wp.com\/itayachtscanada.com\/wp-content\/uploads\/2025\/07\/Capture-decran-le-2025-07-21-a-10.35.25.jpg?resize=768%2C504&amp;ssl=1 768w, https:\/\/i0.wp.com\/itayachtscanada.com\/wp-content\/uploads\/2025\/07\/Capture-decran-le-2025-07-21-a-10.35.25.jpg?resize=700%2C460&amp;ssl=1 700w, https:\/\/i0.wp.com\/itayachtscanada.com\/wp-content\/uploads\/2025\/07\/Capture-decran-le-2025-07-21-a-10.35.25.jpg?resize=609%2C400&amp;ssl=1 609w, https:\/\/i0.wp.com\/itayachtscanada.com\/wp-content\/uploads\/2025\/07\/Capture-decran-le-2025-07-21-a-10.35.25.jpg?w=1532&amp;ssl=1 1532w, https:\/\/i0.wp.com\/itayachtscanada.com\/wp-content\/uploads\/2025\/07\/Capture-decran-le-2025-07-21-a-10.35.25.jpg?w=1400&amp;ssl=1 1400w\" sizes=\"auto, (max-width: 300px) 100vw, 300px\" \/> <img data-recalc-dims=\"1\" loading=\"lazy\" decoding=\"async\" data-attachment-id=\"281003\" data-permalink=\"https:\/\/itayachtscanada.com\/fr\/listing\/maritimo-m55-2024-2890000-usd-for-sale\/capture-decran-le-2025-07-21-a-10-35-22\/\" data-orig-file=\"https:\/\/i0.wp.com\/itayachtscanada.com\/wp-content\/uploads\/2025\/07\/Capture-decran-le-2025-07-21-a-10.35.22.jpg?fit=1532%2C1006&amp;ssl=1\" data-orig-size=\"1532,1006\" data-comments-opened=\"1\" data-image-meta=\"{&quot;aperture&quot;:&quot;0&quot;,&quot;credit&quot;:&quot;&quot;,&quot;camera&quot;:&quot;&quot;,&quot;caption&quot;:&quot;&quot;,&quot;created_timestamp&quot;:&quot;0&quot;,&quot;copyright&quot;:&quot;&quot;,&quot;focal_length&quot;:&quot;0&quot;,&quot;iso&quot;:&quot;0&quot;,&quot;shutter_speed&quot;:&quot;0&quot;,&quot;title&quot;:&quot;&quot;,&quot;orientation&quot;:&quot;0&quot;}\" data-image-title=\"Capture d\u2019e\u0301cran, le 2025-07-21 a\u0300 10.35.22\" data-image-description=\"\" data-image-caption=\"\" data-large-file=\"https:\/\/i0.wp.com\/itayachtscanada.com\/wp-content\/uploads\/2025\/07\/Capture-decran-le-2025-07-21-a-10.35.22.jpg?fit=700%2C459&amp;ssl=1\" class=\"alignnone size-medium wp-image-281003\" src=\"https:\/\/i0.wp.com\/itayachtscanada.com\/wp-content\/uploads\/2025\/07\/Capture-decran-le-2025-07-21-a-10.35.22.jpg?resize=300%2C197&#038;ssl=1\" alt=\"\" width=\"300\" height=\"197\" srcset=\"https:\/\/i0.wp.com\/itayachtscanada.com\/wp-content\/uploads\/2025\/07\/Capture-decran-le-2025-07-21-a-10.35.22.jpg?resize=300%2C197&amp;ssl=1 300w, https:\/\/i0.wp.com\/itayachtscanada.com\/wp-content\/uploads\/2025\/07\/Capture-decran-le-2025-07-21-a-10.35.22.jpg?resize=1024%2C672&amp;ssl=1 1024w, https:\/\/i0.wp.com\/itayachtscanada.com\/wp-content\/uploads\/2025\/07\/Capture-decran-le-2025-07-21-a-10.35.22.jpg?resize=768%2C504&amp;ssl=1 768w, https:\/\/i0.wp.com\/itayachtscanada.com\/wp-content\/uploads\/2025\/07\/Capture-decran-le-2025-07-21-a-10.35.22.jpg?resize=700%2C460&amp;ssl=1 700w, https:\/\/i0.wp.com\/itayachtscanada.com\/wp-content\/uploads\/2025\/07\/Capture-decran-le-2025-07-21-a-10.35.22.jpg?resize=609%2C400&amp;ssl=1 609w, https:\/\/i0.wp.com\/itayachtscanada.com\/wp-content\/uploads\/2025\/07\/Capture-decran-le-2025-07-21-a-10.35.22.jpg?w=1532&amp;ssl=1 1532w, https:\/\/i0.wp.com\/itayachtscanada.com\/wp-content\/uploads\/2025\/07\/Capture-decran-le-2025-07-21-a-10.35.22.jpg?w=1400&amp;ssl=1 1400w\" sizes=\"auto, (max-width: 300px) 100vw, 300px\" \/> <img data-recalc-dims=\"1\" loading=\"lazy\" decoding=\"async\" data-attachment-id=\"281004\" data-permalink=\"https:\/\/itayachtscanada.com\/fr\/listing\/maritimo-m55-2024-2890000-usd-for-sale\/capture-decran-le-2025-07-21-a-10-35-13\/\" data-orig-file=\"https:\/\/i0.wp.com\/itayachtscanada.com\/wp-content\/uploads\/2025\/07\/Capture-decran-le-2025-07-21-a-10.35.13.jpg?fit=1532%2C1006&amp;ssl=1\" data-orig-size=\"1532,1006\" data-comments-opened=\"1\" data-image-meta=\"{&quot;aperture&quot;:&quot;0&quot;,&quot;credit&quot;:&quot;&quot;,&quot;camera&quot;:&quot;&quot;,&quot;caption&quot;:&quot;&quot;,&quot;created_timestamp&quot;:&quot;0&quot;,&quot;copyright&quot;:&quot;&quot;,&quot;focal_length&quot;:&quot;0&quot;,&quot;iso&quot;:&quot;0&quot;,&quot;shutter_speed&quot;:&quot;0&quot;,&quot;title&quot;:&quot;&quot;,&quot;orientation&quot;:&quot;0&quot;}\" data-image-title=\"Capture d\u2019e\u0301cran, le 2025-07-21 a\u0300 10.35.13\" data-image-description=\"\" data-image-caption=\"\" data-large-file=\"https:\/\/i0.wp.com\/itayachtscanada.com\/wp-content\/uploads\/2025\/07\/Capture-decran-le-2025-07-21-a-10.35.13.jpg?fit=700%2C459&amp;ssl=1\" class=\"alignnone size-medium wp-image-281004\" src=\"https:\/\/i0.wp.com\/itayachtscanada.com\/wp-content\/uploads\/2025\/07\/Capture-decran-le-2025-07-21-a-10.35.13.jpg?resize=300%2C197&#038;ssl=1\" alt=\"\" width=\"300\" height=\"197\" srcset=\"https:\/\/i0.wp.com\/itayachtscanada.com\/wp-content\/uploads\/2025\/07\/Capture-decran-le-2025-07-21-a-10.35.13.jpg?resize=300%2C197&amp;ssl=1 300w, https:\/\/i0.wp.com\/itayachtscanada.com\/wp-content\/uploads\/2025\/07\/Capture-decran-le-2025-07-21-a-10.35.13.jpg?resize=1024%2C672&amp;ssl=1 1024w, https:\/\/i0.wp.com\/itayachtscanada.com\/wp-content\/uploads\/2025\/07\/Capture-decran-le-2025-07-21-a-10.35.13.jpg?resize=768%2C504&amp;ssl=1 768w, https:\/\/i0.wp.com\/itayachtscanada.com\/wp-content\/uploads\/2025\/07\/Capture-decran-le-2025-07-21-a-10.35.13.jpg?resize=700%2C460&amp;ssl=1 700w, https:\/\/i0.wp.com\/itayachtscanada.com\/wp-content\/uploads\/2025\/07\/Capture-decran-le-2025-07-21-a-10.35.13.jpg?resize=609%2C400&amp;ssl=1 609w, https:\/\/i0.wp.com\/itayachtscanada.com\/wp-content\/uploads\/2025\/07\/Capture-decran-le-2025-07-21-a-10.35.13.jpg?w=1532&amp;ssl=1 1532w, https:\/\/i0.wp.com\/itayachtscanada.com\/wp-content\/uploads\/2025\/07\/Capture-decran-le-2025-07-21-a-10.35.13.jpg?w=1400&amp;ssl=1 1400w\" sizes=\"auto, (max-width: 300px) 100vw, 300px\" \/> <img data-recalc-dims=\"1\" loading=\"lazy\" decoding=\"async\" data-attachment-id=\"281005\" data-permalink=\"https:\/\/itayachtscanada.com\/fr\/listing\/maritimo-m55-2024-2890000-usd-for-sale\/capture-decran-le-2025-07-21-a-10-35-10\/\" data-orig-file=\"https:\/\/i0.wp.com\/itayachtscanada.com\/wp-content\/uploads\/2025\/07\/Capture-decran-le-2025-07-21-a-10.35.10.jpg?fit=678%2C1006&amp;ssl=1\" data-orig-size=\"678,1006\" data-comments-opened=\"1\" data-image-meta=\"{&quot;aperture&quot;:&quot;0&quot;,&quot;credit&quot;:&quot;&quot;,&quot;camera&quot;:&quot;&quot;,&quot;caption&quot;:&quot;&quot;,&quot;created_timestamp&quot;:&quot;0&quot;,&quot;copyright&quot;:&quot;&quot;,&quot;focal_length&quot;:&quot;0&quot;,&quot;iso&quot;:&quot;0&quot;,&quot;shutter_speed&quot;:&quot;0&quot;,&quot;title&quot;:&quot;&quot;,&quot;orientation&quot;:&quot;0&quot;}\" data-image-title=\"Capture d\u2019e\u0301cran, le 2025-07-21 a\u0300 10.35.10\" data-image-description=\"\" data-image-caption=\"\" data-large-file=\"https:\/\/i0.wp.com\/itayachtscanada.com\/wp-content\/uploads\/2025\/07\/Capture-decran-le-2025-07-21-a-10.35.10.jpg?fit=678%2C1006&amp;ssl=1\" class=\"alignnone size-medium wp-image-281005\" src=\"https:\/\/i0.wp.com\/itayachtscanada.com\/wp-content\/uploads\/2025\/07\/Capture-decran-le-2025-07-21-a-10.35.10.jpg?resize=202%2C300&#038;ssl=1\" alt=\"\" width=\"202\" height=\"300\" srcset=\"https:\/\/i0.wp.com\/itayachtscanada.com\/wp-content\/uploads\/2025\/07\/Capture-decran-le-2025-07-21-a-10.35.10.jpg?resize=202%2C300&amp;ssl=1 202w, https:\/\/i0.wp.com\/itayachtscanada.com\/wp-content\/uploads\/2025\/07\/Capture-decran-le-2025-07-21-a-10.35.10.jpg?resize=270%2C400&amp;ssl=1 270w, https:\/\/i0.wp.com\/itayachtscanada.com\/wp-content\/uploads\/2025\/07\/Capture-decran-le-2025-07-21-a-10.35.10.jpg?w=678&amp;ssl=1 678w\" sizes=\"auto, (max-width: 202px) 100vw, 202px\" \/> <img data-recalc-dims=\"1\" loading=\"lazy\" decoding=\"async\" data-attachment-id=\"281006\" data-permalink=\"https:\/\/itayachtscanada.com\/fr\/listing\/maritimo-m55-2024-2890000-usd-for-sale\/capture-decran-le-2025-07-21-a-10-35-06\/\" data-orig-file=\"https:\/\/i0.wp.com\/itayachtscanada.com\/wp-content\/uploads\/2025\/07\/Capture-decran-le-2025-07-21-a-10.35.06.jpg?fit=678%2C1006&amp;ssl=1\" data-orig-size=\"678,1006\" data-comments-opened=\"1\" data-image-meta=\"{&quot;aperture&quot;:&quot;0&quot;,&quot;credit&quot;:&quot;&quot;,&quot;camera&quot;:&quot;&quot;,&quot;caption&quot;:&quot;&quot;,&quot;created_timestamp&quot;:&quot;0&quot;,&quot;copyright&quot;:&quot;&quot;,&quot;focal_length&quot;:&quot;0&quot;,&quot;iso&quot;:&quot;0&quot;,&quot;shutter_speed&quot;:&quot;0&quot;,&quot;title&quot;:&quot;&quot;,&quot;orientation&quot;:&quot;0&quot;}\" data-image-title=\"Capture d\u2019e\u0301cran, le 2025-07-21 a\u0300 10.35.06\" data-image-description=\"\" data-image-caption=\"\" data-large-file=\"https:\/\/i0.wp.com\/itayachtscanada.com\/wp-content\/uploads\/2025\/07\/Capture-decran-le-2025-07-21-a-10.35.06.jpg?fit=678%2C1006&amp;ssl=1\" class=\"alignnone size-medium wp-image-281006\" src=\"https:\/\/i0.wp.com\/itayachtscanada.com\/wp-content\/uploads\/2025\/07\/Capture-decran-le-2025-07-21-a-10.35.06.jpg?resize=202%2C300&#038;ssl=1\" alt=\"\" width=\"202\" height=\"300\" srcset=\"https:\/\/i0.wp.com\/itayachtscanada.com\/wp-content\/uploads\/2025\/07\/Capture-decran-le-2025-07-21-a-10.35.06.jpg?resize=202%2C300&amp;ssl=1 202w, https:\/\/i0.wp.com\/itayachtscanada.com\/wp-content\/uploads\/2025\/07\/Capture-decran-le-2025-07-21-a-10.35.06.jpg?resize=270%2C400&amp;ssl=1 270w, https:\/\/i0.wp.com\/itayachtscanada.com\/wp-content\/uploads\/2025\/07\/Capture-decran-le-2025-07-21-a-10.35.06.jpg?w=678&amp;ssl=1 678w\" sizes=\"auto, (max-width: 202px) 100vw, 202px\" \/> <img data-recalc-dims=\"1\" loading=\"lazy\" decoding=\"async\" data-attachment-id=\"281007\" data-permalink=\"https:\/\/itayachtscanada.com\/fr\/listing\/maritimo-m55-2024-2890000-usd-for-sale\/capture-decran-le-2025-07-21-a-10-34-57\/\" data-orig-file=\"https:\/\/i0.wp.com\/itayachtscanada.com\/wp-content\/uploads\/2025\/07\/Capture-decran-le-2025-07-21-a-10.34.57.jpg?fit=678%2C1006&amp;ssl=1\" data-orig-size=\"678,1006\" data-comments-opened=\"1\" data-image-meta=\"{&quot;aperture&quot;:&quot;0&quot;,&quot;credit&quot;:&quot;&quot;,&quot;camera&quot;:&quot;&quot;,&quot;caption&quot;:&quot;&quot;,&quot;created_timestamp&quot;:&quot;0&quot;,&quot;copyright&quot;:&quot;&quot;,&quot;focal_length&quot;:&quot;0&quot;,&quot;iso&quot;:&quot;0&quot;,&quot;shutter_speed&quot;:&quot;0&quot;,&quot;title&quot;:&quot;&quot;,&quot;orientation&quot;:&quot;0&quot;}\" data-image-title=\"Capture d\u2019e\u0301cran, le 2025-07-21 a\u0300 10.34.57\" data-image-description=\"\" data-image-caption=\"\" data-large-file=\"https:\/\/i0.wp.com\/itayachtscanada.com\/wp-content\/uploads\/2025\/07\/Capture-decran-le-2025-07-21-a-10.34.57.jpg?fit=678%2C1006&amp;ssl=1\" class=\"alignnone size-medium wp-image-281007\" src=\"https:\/\/i0.wp.com\/itayachtscanada.com\/wp-content\/uploads\/2025\/07\/Capture-decran-le-2025-07-21-a-10.34.57.jpg?resize=202%2C300&#038;ssl=1\" alt=\"\" width=\"202\" height=\"300\" srcset=\"https:\/\/i0.wp.com\/itayachtscanada.com\/wp-content\/uploads\/2025\/07\/Capture-decran-le-2025-07-21-a-10.34.57.jpg?resize=202%2C300&amp;ssl=1 202w, https:\/\/i0.wp.com\/itayachtscanada.com\/wp-content\/uploads\/2025\/07\/Capture-decran-le-2025-07-21-a-10.34.57.jpg?resize=270%2C400&amp;ssl=1 270w, https:\/\/i0.wp.com\/itayachtscanada.com\/wp-content\/uploads\/2025\/07\/Capture-decran-le-2025-07-21-a-10.34.57.jpg?w=678&amp;ssl=1 678w\" sizes=\"auto, (max-width: 202px) 100vw, 202px\" \/> <img data-recalc-dims=\"1\" loading=\"lazy\" decoding=\"async\" data-attachment-id=\"281008\" data-permalink=\"https:\/\/itayachtscanada.com\/fr\/listing\/maritimo-m55-2024-2890000-usd-for-sale\/capture-decran-le-2025-07-21-a-10-34-54\/\" data-orig-file=\"https:\/\/i0.wp.com\/itayachtscanada.com\/wp-content\/uploads\/2025\/07\/Capture-decran-le-2025-07-21-a-10.34.54.jpg?fit=1534%2C1006&amp;ssl=1\" data-orig-size=\"1534,1006\" data-comments-opened=\"1\" data-image-meta=\"{&quot;aperture&quot;:&quot;0&quot;,&quot;credit&quot;:&quot;&quot;,&quot;camera&quot;:&quot;&quot;,&quot;caption&quot;:&quot;&quot;,&quot;created_timestamp&quot;:&quot;0&quot;,&quot;copyright&quot;:&quot;&quot;,&quot;focal_length&quot;:&quot;0&quot;,&quot;iso&quot;:&quot;0&quot;,&quot;shutter_speed&quot;:&quot;0&quot;,&quot;title&quot;:&quot;&quot;,&quot;orientation&quot;:&quot;0&quot;}\" data-image-title=\"Capture d\u2019e\u0301cran, le 2025-07-21 a\u0300 10.34.54\" data-image-description=\"\" data-image-caption=\"\" data-large-file=\"https:\/\/i0.wp.com\/itayachtscanada.com\/wp-content\/uploads\/2025\/07\/Capture-decran-le-2025-07-21-a-10.34.54.jpg?fit=700%2C459&amp;ssl=1\" class=\"alignnone size-medium wp-image-281008\" src=\"https:\/\/i0.wp.com\/itayachtscanada.com\/wp-content\/uploads\/2025\/07\/Capture-decran-le-2025-07-21-a-10.34.54.jpg?resize=300%2C197&#038;ssl=1\" alt=\"\" width=\"300\" height=\"197\" srcset=\"https:\/\/i0.wp.com\/itayachtscanada.com\/wp-content\/uploads\/2025\/07\/Capture-decran-le-2025-07-21-a-10.34.54.jpg?resize=300%2C197&amp;ssl=1 300w, https:\/\/i0.wp.com\/itayachtscanada.com\/wp-content\/uploads\/2025\/07\/Capture-decran-le-2025-07-21-a-10.34.54.jpg?resize=1024%2C672&amp;ssl=1 1024w, https:\/\/i0.wp.com\/itayachtscanada.com\/wp-content\/uploads\/2025\/07\/Capture-decran-le-2025-07-21-a-10.34.54.jpg?resize=768%2C504&amp;ssl=1 768w, https:\/\/i0.wp.com\/itayachtscanada.com\/wp-content\/uploads\/2025\/07\/Capture-decran-le-2025-07-21-a-10.34.54.jpg?resize=700%2C459&amp;ssl=1 700w, https:\/\/i0.wp.com\/itayachtscanada.com\/wp-content\/uploads\/2025\/07\/Capture-decran-le-2025-07-21-a-10.34.54.jpg?resize=610%2C400&amp;ssl=1 610w, https:\/\/i0.wp.com\/itayachtscanada.com\/wp-content\/uploads\/2025\/07\/Capture-decran-le-2025-07-21-a-10.34.54.jpg?w=1534&amp;ssl=1 1534w, https:\/\/i0.wp.com\/itayachtscanada.com\/wp-content\/uploads\/2025\/07\/Capture-decran-le-2025-07-21-a-10.34.54.jpg?w=1400&amp;ssl=1 1400w\" sizes=\"auto, (max-width: 300px) 100vw, 300px\" \/> <img data-recalc-dims=\"1\" loading=\"lazy\" decoding=\"async\" data-attachment-id=\"281009\" data-permalink=\"https:\/\/itayachtscanada.com\/fr\/listing\/maritimo-m55-2024-2890000-usd-for-sale\/capture-decran-le-2025-07-21-a-10-34-50\/\" data-orig-file=\"https:\/\/i0.wp.com\/itayachtscanada.com\/wp-content\/uploads\/2025\/07\/Capture-decran-le-2025-07-21-a-10.34.50.jpg?fit=1534%2C1006&amp;ssl=1\" data-orig-size=\"1534,1006\" data-comments-opened=\"1\" data-image-meta=\"{&quot;aperture&quot;:&quot;0&quot;,&quot;credit&quot;:&quot;&quot;,&quot;camera&quot;:&quot;&quot;,&quot;caption&quot;:&quot;&quot;,&quot;created_timestamp&quot;:&quot;0&quot;,&quot;copyright&quot;:&quot;&quot;,&quot;focal_length&quot;:&quot;0&quot;,&quot;iso&quot;:&quot;0&quot;,&quot;shutter_speed&quot;:&quot;0&quot;,&quot;title&quot;:&quot;&quot;,&quot;orientation&quot;:&quot;0&quot;}\" data-image-title=\"Capture d\u2019e\u0301cran, le 2025-07-21 a\u0300 10.34.50\" data-image-description=\"\" data-image-caption=\"\" data-large-file=\"https:\/\/i0.wp.com\/itayachtscanada.com\/wp-content\/uploads\/2025\/07\/Capture-decran-le-2025-07-21-a-10.34.50.jpg?fit=700%2C459&amp;ssl=1\" class=\"alignnone size-medium wp-image-281009\" src=\"https:\/\/i0.wp.com\/itayachtscanada.com\/wp-content\/uploads\/2025\/07\/Capture-decran-le-2025-07-21-a-10.34.50.jpg?resize=300%2C197&#038;ssl=1\" alt=\"\" width=\"300\" height=\"197\" srcset=\"https:\/\/i0.wp.com\/itayachtscanada.com\/wp-content\/uploads\/2025\/07\/Capture-decran-le-2025-07-21-a-10.34.50.jpg?resize=300%2C197&amp;ssl=1 300w, https:\/\/i0.wp.com\/itayachtscanada.com\/wp-content\/uploads\/2025\/07\/Capture-decran-le-2025-07-21-a-10.34.50.jpg?resize=1024%2C672&amp;ssl=1 1024w, https:\/\/i0.wp.com\/itayachtscanada.com\/wp-content\/uploads\/2025\/07\/Capture-decran-le-2025-07-21-a-10.34.50.jpg?resize=768%2C504&amp;ssl=1 768w, https:\/\/i0.wp.com\/itayachtscanada.com\/wp-content\/uploads\/2025\/07\/Capture-decran-le-2025-07-21-a-10.34.50.jpg?resize=700%2C459&amp;ssl=1 700w, https:\/\/i0.wp.com\/itayachtscanada.com\/wp-content\/uploads\/2025\/07\/Capture-decran-le-2025-07-21-a-10.34.50.jpg?resize=610%2C400&amp;ssl=1 610w, https:\/\/i0.wp.com\/itayachtscanada.com\/wp-content\/uploads\/2025\/07\/Capture-decran-le-2025-07-21-a-10.34.50.jpg?w=1534&amp;ssl=1 1534w, https:\/\/i0.wp.com\/itayachtscanada.com\/wp-content\/uploads\/2025\/07\/Capture-decran-le-2025-07-21-a-10.34.50.jpg?w=1400&amp;ssl=1 1400w\" sizes=\"auto, (max-width: 300px) 100vw, 300px\" \/> <img data-recalc-dims=\"1\" loading=\"lazy\" decoding=\"async\" data-attachment-id=\"281010\" data-permalink=\"https:\/\/itayachtscanada.com\/fr\/listing\/maritimo-m55-2024-2890000-usd-for-sale\/capture-decran-le-2025-07-21-a-10-34-43\/\" data-orig-file=\"https:\/\/i0.wp.com\/itayachtscanada.com\/wp-content\/uploads\/2025\/07\/Capture-decran-le-2025-07-21-a-10.34.43.jpg?fit=1534%2C1006&amp;ssl=1\" data-orig-size=\"1534,1006\" data-comments-opened=\"1\" data-image-meta=\"{&quot;aperture&quot;:&quot;0&quot;,&quot;credit&quot;:&quot;&quot;,&quot;camera&quot;:&quot;&quot;,&quot;caption&quot;:&quot;&quot;,&quot;created_timestamp&quot;:&quot;0&quot;,&quot;copyright&quot;:&quot;&quot;,&quot;focal_length&quot;:&quot;0&quot;,&quot;iso&quot;:&quot;0&quot;,&quot;shutter_speed&quot;:&quot;0&quot;,&quot;title&quot;:&quot;&quot;,&quot;orientation&quot;:&quot;0&quot;}\" data-image-title=\"Capture d\u2019e\u0301cran, le 2025-07-21 a\u0300 10.34.43\" data-image-description=\"\" data-image-caption=\"\" data-large-file=\"https:\/\/i0.wp.com\/itayachtscanada.com\/wp-content\/uploads\/2025\/07\/Capture-decran-le-2025-07-21-a-10.34.43.jpg?fit=700%2C459&amp;ssl=1\" class=\"alignnone size-medium wp-image-281010\" src=\"https:\/\/i0.wp.com\/itayachtscanada.com\/wp-content\/uploads\/2025\/07\/Capture-decran-le-2025-07-21-a-10.34.43.jpg?resize=300%2C197&#038;ssl=1\" alt=\"\" width=\"300\" height=\"197\" srcset=\"https:\/\/i0.wp.com\/itayachtscanada.com\/wp-content\/uploads\/2025\/07\/Capture-decran-le-2025-07-21-a-10.34.43.jpg?resize=300%2C197&amp;ssl=1 300w, https:\/\/i0.wp.com\/itayachtscanada.com\/wp-content\/uploads\/2025\/07\/Capture-decran-le-2025-07-21-a-10.34.43.jpg?resize=1024%2C672&amp;ssl=1 1024w, https:\/\/i0.wp.com\/itayachtscanada.com\/wp-content\/uploads\/2025\/07\/Capture-decran-le-2025-07-21-a-10.34.43.jpg?resize=768%2C504&amp;ssl=1 768w, https:\/\/i0.wp.com\/itayachtscanada.com\/wp-content\/uploads\/2025\/07\/Capture-decran-le-2025-07-21-a-10.34.43.jpg?resize=700%2C459&amp;ssl=1 700w, https:\/\/i0.wp.com\/itayachtscanada.com\/wp-content\/uploads\/2025\/07\/Capture-decran-le-2025-07-21-a-10.34.43.jpg?resize=610%2C400&amp;ssl=1 610w, https:\/\/i0.wp.com\/itayachtscanada.com\/wp-content\/uploads\/2025\/07\/Capture-decran-le-2025-07-21-a-10.34.43.jpg?w=1534&amp;ssl=1 1534w, https:\/\/i0.wp.com\/itayachtscanada.com\/wp-content\/uploads\/2025\/07\/Capture-decran-le-2025-07-21-a-10.34.43.jpg?w=1400&amp;ssl=1 1400w\" sizes=\"auto, (max-width: 300px) 100vw, 300px\" \/> <img data-recalc-dims=\"1\" loading=\"lazy\" decoding=\"async\" data-attachment-id=\"281011\" data-permalink=\"https:\/\/itayachtscanada.com\/fr\/listing\/maritimo-m55-2024-2890000-usd-for-sale\/capture-decran-le-2025-07-21-a-10-34-32\/\" data-orig-file=\"https:\/\/i0.wp.com\/itayachtscanada.com\/wp-content\/uploads\/2025\/07\/Capture-decran-le-2025-07-21-a-10.34.32.jpg?fit=1342%2C1006&amp;ssl=1\" data-orig-size=\"1342,1006\" data-comments-opened=\"1\" data-image-meta=\"{&quot;aperture&quot;:&quot;0&quot;,&quot;credit&quot;:&quot;&quot;,&quot;camera&quot;:&quot;&quot;,&quot;caption&quot;:&quot;&quot;,&quot;created_timestamp&quot;:&quot;0&quot;,&quot;copyright&quot;:&quot;&quot;,&quot;focal_length&quot;:&quot;0&quot;,&quot;iso&quot;:&quot;0&quot;,&quot;shutter_speed&quot;:&quot;0&quot;,&quot;title&quot;:&quot;&quot;,&quot;orientation&quot;:&quot;0&quot;}\" data-image-title=\"Capture d\u2019e\u0301cran, le 2025-07-21 a\u0300 10.34.32\" data-image-description=\"\" data-image-caption=\"\" data-large-file=\"https:\/\/i0.wp.com\/itayachtscanada.com\/wp-content\/uploads\/2025\/07\/Capture-decran-le-2025-07-21-a-10.34.32.jpg?fit=700%2C525&amp;ssl=1\" class=\"alignnone size-medium wp-image-281011\" src=\"https:\/\/i0.wp.com\/itayachtscanada.com\/wp-content\/uploads\/2025\/07\/Capture-decran-le-2025-07-21-a-10.34.32.jpg?resize=300%2C225&#038;ssl=1\" alt=\"\" width=\"300\" height=\"225\" srcset=\"https:\/\/i0.wp.com\/itayachtscanada.com\/wp-content\/uploads\/2025\/07\/Capture-decran-le-2025-07-21-a-10.34.32.jpg?resize=300%2C225&amp;ssl=1 300w, https:\/\/i0.wp.com\/itayachtscanada.com\/wp-content\/uploads\/2025\/07\/Capture-decran-le-2025-07-21-a-10.34.32.jpg?resize=1024%2C768&amp;ssl=1 1024w, https:\/\/i0.wp.com\/itayachtscanada.com\/wp-content\/uploads\/2025\/07\/Capture-decran-le-2025-07-21-a-10.34.32.jpg?resize=768%2C576&amp;ssl=1 768w, https:\/\/i0.wp.com\/itayachtscanada.com\/wp-content\/uploads\/2025\/07\/Capture-decran-le-2025-07-21-a-10.34.32.jpg?resize=700%2C525&amp;ssl=1 700w, https:\/\/i0.wp.com\/itayachtscanada.com\/wp-content\/uploads\/2025\/07\/Capture-decran-le-2025-07-21-a-10.34.32.jpg?resize=534%2C400&amp;ssl=1 534w, https:\/\/i0.wp.com\/itayachtscanada.com\/wp-content\/uploads\/2025\/07\/Capture-decran-le-2025-07-21-a-10.34.32.jpg?w=1342&amp;ssl=1 1342w\" sizes=\"auto, (max-width: 300px) 100vw, 300px\" \/> <img data-recalc-dims=\"1\" loading=\"lazy\" decoding=\"async\" data-attachment-id=\"281012\" data-permalink=\"https:\/\/itayachtscanada.com\/fr\/listing\/maritimo-m55-2024-2890000-usd-for-sale\/capture-decran-le-2025-07-21-a-10-34-23\/\" data-orig-file=\"https:\/\/i0.wp.com\/itayachtscanada.com\/wp-content\/uploads\/2025\/07\/Capture-decran-le-2025-07-21-a-10.34.23.jpg?fit=1534%2C1006&amp;ssl=1\" data-orig-size=\"1534,1006\" data-comments-opened=\"1\" data-image-meta=\"{&quot;aperture&quot;:&quot;0&quot;,&quot;credit&quot;:&quot;&quot;,&quot;camera&quot;:&quot;&quot;,&quot;caption&quot;:&quot;&quot;,&quot;created_timestamp&quot;:&quot;0&quot;,&quot;copyright&quot;:&quot;&quot;,&quot;focal_length&quot;:&quot;0&quot;,&quot;iso&quot;:&quot;0&quot;,&quot;shutter_speed&quot;:&quot;0&quot;,&quot;title&quot;:&quot;&quot;,&quot;orientation&quot;:&quot;0&quot;}\" data-image-title=\"Capture d\u2019e\u0301cran, le 2025-07-21 a\u0300 10.34.23\" data-image-description=\"\" data-image-caption=\"\" data-large-file=\"https:\/\/i0.wp.com\/itayachtscanada.com\/wp-content\/uploads\/2025\/07\/Capture-decran-le-2025-07-21-a-10.34.23.jpg?fit=700%2C459&amp;ssl=1\" class=\"alignnone size-medium wp-image-281012\" src=\"https:\/\/i0.wp.com\/itayachtscanada.com\/wp-content\/uploads\/2025\/07\/Capture-decran-le-2025-07-21-a-10.34.23.jpg?resize=300%2C197&#038;ssl=1\" alt=\"\" width=\"300\" height=\"197\" srcset=\"https:\/\/i0.wp.com\/itayachtscanada.com\/wp-content\/uploads\/2025\/07\/Capture-decran-le-2025-07-21-a-10.34.23.jpg?resize=300%2C197&amp;ssl=1 300w, https:\/\/i0.wp.com\/itayachtscanada.com\/wp-content\/uploads\/2025\/07\/Capture-decran-le-2025-07-21-a-10.34.23.jpg?resize=1024%2C672&amp;ssl=1 1024w, https:\/\/i0.wp.com\/itayachtscanada.com\/wp-content\/uploads\/2025\/07\/Capture-decran-le-2025-07-21-a-10.34.23.jpg?resize=768%2C504&amp;ssl=1 768w, https:\/\/i0.wp.com\/itayachtscanada.com\/wp-content\/uploads\/2025\/07\/Capture-decran-le-2025-07-21-a-10.34.23.jpg?resize=700%2C459&amp;ssl=1 700w, https:\/\/i0.wp.com\/itayachtscanada.com\/wp-content\/uploads\/2025\/07\/Capture-decran-le-2025-07-21-a-10.34.23.jpg?resize=610%2C400&amp;ssl=1 610w, https:\/\/i0.wp.com\/itayachtscanada.com\/wp-content\/uploads\/2025\/07\/Capture-decran-le-2025-07-21-a-10.34.23.jpg?w=1534&amp;ssl=1 1534w, https:\/\/i0.wp.com\/itayachtscanada.com\/wp-content\/uploads\/2025\/07\/Capture-decran-le-2025-07-21-a-10.34.23.jpg?w=1400&amp;ssl=1 1400w\" sizes=\"auto, (max-width: 300px) 100vw, 300px\" \/> <img data-recalc-dims=\"1\" loading=\"lazy\" decoding=\"async\" data-attachment-id=\"281013\" data-permalink=\"https:\/\/itayachtscanada.com\/fr\/listing\/maritimo-m55-2024-2890000-usd-for-sale\/capture-decran-le-2025-07-21-a-10-34-13\/\" data-orig-file=\"https:\/\/i0.wp.com\/itayachtscanada.com\/wp-content\/uploads\/2025\/07\/Capture-decran-le-2025-07-21-a-10.34.13.jpg?fit=682%2C1006&amp;ssl=1\" data-orig-size=\"682,1006\" data-comments-opened=\"1\" data-image-meta=\"{&quot;aperture&quot;:&quot;0&quot;,&quot;credit&quot;:&quot;&quot;,&quot;camera&quot;:&quot;&quot;,&quot;caption&quot;:&quot;&quot;,&quot;created_timestamp&quot;:&quot;0&quot;,&quot;copyright&quot;:&quot;&quot;,&quot;focal_length&quot;:&quot;0&quot;,&quot;iso&quot;:&quot;0&quot;,&quot;shutter_speed&quot;:&quot;0&quot;,&quot;title&quot;:&quot;&quot;,&quot;orientation&quot;:&quot;0&quot;}\" data-image-title=\"Capture d\u2019e\u0301cran, le 2025-07-21 a\u0300 10.34.13\" data-image-description=\"\" data-image-caption=\"\" data-large-file=\"https:\/\/i0.wp.com\/itayachtscanada.com\/wp-content\/uploads\/2025\/07\/Capture-decran-le-2025-07-21-a-10.34.13.jpg?fit=682%2C1006&amp;ssl=1\" class=\"alignnone size-medium wp-image-281013\" src=\"https:\/\/i0.wp.com\/itayachtscanada.com\/wp-content\/uploads\/2025\/07\/Capture-decran-le-2025-07-21-a-10.34.13.jpg?resize=203%2C300&#038;ssl=1\" alt=\"\" width=\"203\" height=\"300\" srcset=\"https:\/\/i0.wp.com\/itayachtscanada.com\/wp-content\/uploads\/2025\/07\/Capture-decran-le-2025-07-21-a-10.34.13.jpg?resize=203%2C300&amp;ssl=1 203w, https:\/\/i0.wp.com\/itayachtscanada.com\/wp-content\/uploads\/2025\/07\/Capture-decran-le-2025-07-21-a-10.34.13.jpg?resize=271%2C400&amp;ssl=1 271w, https:\/\/i0.wp.com\/itayachtscanada.com\/wp-content\/uploads\/2025\/07\/Capture-decran-le-2025-07-21-a-10.34.13.jpg?w=682&amp;ssl=1 682w\" sizes=\"auto, (max-width: 203px) 100vw, 203px\" \/> <img data-recalc-dims=\"1\" loading=\"lazy\" decoding=\"async\" data-attachment-id=\"281014\" data-permalink=\"https:\/\/itayachtscanada.com\/fr\/listing\/maritimo-m55-2024-2890000-usd-for-sale\/capture-decran-le-2025-07-21-a-10-34-03\/\" data-orig-file=\"https:\/\/i0.wp.com\/itayachtscanada.com\/wp-content\/uploads\/2025\/07\/Capture-decran-le-2025-07-21-a-10.34.03.jpg?fit=1532%2C1006&amp;ssl=1\" data-orig-size=\"1532,1006\" data-comments-opened=\"1\" data-image-meta=\"{&quot;aperture&quot;:&quot;0&quot;,&quot;credit&quot;:&quot;&quot;,&quot;camera&quot;:&quot;&quot;,&quot;caption&quot;:&quot;&quot;,&quot;created_timestamp&quot;:&quot;0&quot;,&quot;copyright&quot;:&quot;&quot;,&quot;focal_length&quot;:&quot;0&quot;,&quot;iso&quot;:&quot;0&quot;,&quot;shutter_speed&quot;:&quot;0&quot;,&quot;title&quot;:&quot;&quot;,&quot;orientation&quot;:&quot;0&quot;}\" data-image-title=\"Capture d\u2019e\u0301cran, le 2025-07-21 a\u0300 10.34.03\" data-image-description=\"\" data-image-caption=\"\" data-large-file=\"https:\/\/i0.wp.com\/itayachtscanada.com\/wp-content\/uploads\/2025\/07\/Capture-decran-le-2025-07-21-a-10.34.03.jpg?fit=700%2C459&amp;ssl=1\" class=\"alignnone size-medium wp-image-281014\" src=\"https:\/\/i0.wp.com\/itayachtscanada.com\/wp-content\/uploads\/2025\/07\/Capture-decran-le-2025-07-21-a-10.34.03.jpg?resize=300%2C197&#038;ssl=1\" alt=\"\" width=\"300\" height=\"197\" srcset=\"https:\/\/i0.wp.com\/itayachtscanada.com\/wp-content\/uploads\/2025\/07\/Capture-decran-le-2025-07-21-a-10.34.03.jpg?resize=300%2C197&amp;ssl=1 300w, https:\/\/i0.wp.com\/itayachtscanada.com\/wp-content\/uploads\/2025\/07\/Capture-decran-le-2025-07-21-a-10.34.03.jpg?resize=1024%2C672&amp;ssl=1 1024w, https:\/\/i0.wp.com\/itayachtscanada.com\/wp-content\/uploads\/2025\/07\/Capture-decran-le-2025-07-21-a-10.34.03.jpg?resize=768%2C504&amp;ssl=1 768w, https:\/\/i0.wp.com\/itayachtscanada.com\/wp-content\/uploads\/2025\/07\/Capture-decran-le-2025-07-21-a-10.34.03.jpg?resize=700%2C460&amp;ssl=1 700w, https:\/\/i0.wp.com\/itayachtscanada.com\/wp-content\/uploads\/2025\/07\/Capture-decran-le-2025-07-21-a-10.34.03.jpg?resize=609%2C400&amp;ssl=1 609w, https:\/\/i0.wp.com\/itayachtscanada.com\/wp-content\/uploads\/2025\/07\/Capture-decran-le-2025-07-21-a-10.34.03.jpg?w=1532&amp;ssl=1 1532w, https:\/\/i0.wp.com\/itayachtscanada.com\/wp-content\/uploads\/2025\/07\/Capture-decran-le-2025-07-21-a-10.34.03.jpg?w=1400&amp;ssl=1 1400w\" sizes=\"auto, (max-width: 300px) 100vw, 300px\" \/> <img data-recalc-dims=\"1\" loading=\"lazy\" decoding=\"async\" data-attachment-id=\"281015\" data-permalink=\"https:\/\/itayachtscanada.com\/fr\/listing\/maritimo-m55-2024-2890000-usd-for-sale\/capture-decran-le-2025-07-21-a-10-33-57\/\" data-orig-file=\"https:\/\/i0.wp.com\/itayachtscanada.com\/wp-content\/uploads\/2025\/07\/Capture-decran-le-2025-07-21-a-10.33.57.jpg?fit=694%2C1006&amp;ssl=1\" data-orig-size=\"694,1006\" data-comments-opened=\"1\" data-image-meta=\"{&quot;aperture&quot;:&quot;0&quot;,&quot;credit&quot;:&quot;&quot;,&quot;camera&quot;:&quot;&quot;,&quot;caption&quot;:&quot;&quot;,&quot;created_timestamp&quot;:&quot;0&quot;,&quot;copyright&quot;:&quot;&quot;,&quot;focal_length&quot;:&quot;0&quot;,&quot;iso&quot;:&quot;0&quot;,&quot;shutter_speed&quot;:&quot;0&quot;,&quot;title&quot;:&quot;&quot;,&quot;orientation&quot;:&quot;0&quot;}\" data-image-title=\"Capture d\u2019e\u0301cran, le 2025-07-21 a\u0300 10.33.57\" data-image-description=\"\" data-image-caption=\"\" data-large-file=\"https:\/\/i0.wp.com\/itayachtscanada.com\/wp-content\/uploads\/2025\/07\/Capture-decran-le-2025-07-21-a-10.33.57.jpg?fit=694%2C1006&amp;ssl=1\" class=\"alignnone size-medium wp-image-281015\" src=\"https:\/\/i0.wp.com\/itayachtscanada.com\/wp-content\/uploads\/2025\/07\/Capture-decran-le-2025-07-21-a-10.33.57.jpg?resize=207%2C300&#038;ssl=1\" alt=\"\" width=\"207\" height=\"300\" srcset=\"https:\/\/i0.wp.com\/itayachtscanada.com\/wp-content\/uploads\/2025\/07\/Capture-decran-le-2025-07-21-a-10.33.57.jpg?resize=207%2C300&amp;ssl=1 207w, https:\/\/i0.wp.com\/itayachtscanada.com\/wp-content\/uploads\/2025\/07\/Capture-decran-le-2025-07-21-a-10.33.57.jpg?resize=276%2C400&amp;ssl=1 276w, https:\/\/i0.wp.com\/itayachtscanada.com\/wp-content\/uploads\/2025\/07\/Capture-decran-le-2025-07-21-a-10.33.57.jpg?w=694&amp;ssl=1 694w\" sizes=\"auto, (max-width: 207px) 100vw, 207px\" \/> <img data-recalc-dims=\"1\" loading=\"lazy\" decoding=\"async\" data-attachment-id=\"281016\" data-permalink=\"https:\/\/itayachtscanada.com\/fr\/listing\/maritimo-m55-2024-2890000-usd-for-sale\/capture-decran-le-2025-07-21-a-10-33-53\/\" data-orig-file=\"https:\/\/i0.wp.com\/itayachtscanada.com\/wp-content\/uploads\/2025\/07\/Capture-decran-le-2025-07-21-a-10.33.53.jpg?fit=678%2C1006&amp;ssl=1\" data-orig-size=\"678,1006\" data-comments-opened=\"1\" data-image-meta=\"{&quot;aperture&quot;:&quot;0&quot;,&quot;credit&quot;:&quot;&quot;,&quot;camera&quot;:&quot;&quot;,&quot;caption&quot;:&quot;&quot;,&quot;created_timestamp&quot;:&quot;0&quot;,&quot;copyright&quot;:&quot;&quot;,&quot;focal_length&quot;:&quot;0&quot;,&quot;iso&quot;:&quot;0&quot;,&quot;shutter_speed&quot;:&quot;0&quot;,&quot;title&quot;:&quot;&quot;,&quot;orientation&quot;:&quot;0&quot;}\" data-image-title=\"Capture d\u2019e\u0301cran, le 2025-07-21 a\u0300 10.33.53\" data-image-description=\"\" data-image-caption=\"\" data-large-file=\"https:\/\/i0.wp.com\/itayachtscanada.com\/wp-content\/uploads\/2025\/07\/Capture-decran-le-2025-07-21-a-10.33.53.jpg?fit=678%2C1006&amp;ssl=1\" class=\"alignnone size-medium wp-image-281016\" src=\"https:\/\/i0.wp.com\/itayachtscanada.com\/wp-content\/uploads\/2025\/07\/Capture-decran-le-2025-07-21-a-10.33.53.jpg?resize=202%2C300&#038;ssl=1\" alt=\"\" width=\"202\" height=\"300\" srcset=\"https:\/\/i0.wp.com\/itayachtscanada.com\/wp-content\/uploads\/2025\/07\/Capture-decran-le-2025-07-21-a-10.33.53.jpg?resize=202%2C300&amp;ssl=1 202w, https:\/\/i0.wp.com\/itayachtscanada.com\/wp-content\/uploads\/2025\/07\/Capture-decran-le-2025-07-21-a-10.33.53.jpg?resize=270%2C400&amp;ssl=1 270w, https:\/\/i0.wp.com\/itayachtscanada.com\/wp-content\/uploads\/2025\/07\/Capture-decran-le-2025-07-21-a-10.33.53.jpg?w=678&amp;ssl=1 678w\" sizes=\"auto, (max-width: 202px) 100vw, 202px\" \/> <img data-recalc-dims=\"1\" loading=\"lazy\" decoding=\"async\" data-attachment-id=\"281017\" data-permalink=\"https:\/\/itayachtscanada.com\/fr\/listing\/maritimo-m55-2024-2890000-usd-for-sale\/capture-decran-le-2025-07-21-a-10-33-46\/\" data-orig-file=\"https:\/\/i0.wp.com\/itayachtscanada.com\/wp-content\/uploads\/2025\/07\/Capture-decran-le-2025-07-21-a-10.33.46.jpg?fit=678%2C1006&amp;ssl=1\" data-orig-size=\"678,1006\" data-comments-opened=\"1\" data-image-meta=\"{&quot;aperture&quot;:&quot;0&quot;,&quot;credit&quot;:&quot;&quot;,&quot;camera&quot;:&quot;&quot;,&quot;caption&quot;:&quot;&quot;,&quot;created_timestamp&quot;:&quot;0&quot;,&quot;copyright&quot;:&quot;&quot;,&quot;focal_length&quot;:&quot;0&quot;,&quot;iso&quot;:&quot;0&quot;,&quot;shutter_speed&quot;:&quot;0&quot;,&quot;title&quot;:&quot;&quot;,&quot;orientation&quot;:&quot;0&quot;}\" data-image-title=\"Capture d\u2019e\u0301cran, le 2025-07-21 a\u0300 10.33.46\" data-image-description=\"\" data-image-caption=\"\" data-large-file=\"https:\/\/i0.wp.com\/itayachtscanada.com\/wp-content\/uploads\/2025\/07\/Capture-decran-le-2025-07-21-a-10.33.46.jpg?fit=678%2C1006&amp;ssl=1\" class=\"alignnone size-medium wp-image-281017\" src=\"https:\/\/i0.wp.com\/itayachtscanada.com\/wp-content\/uploads\/2025\/07\/Capture-decran-le-2025-07-21-a-10.33.46.jpg?resize=202%2C300&#038;ssl=1\" alt=\"\" width=\"202\" height=\"300\" srcset=\"https:\/\/i0.wp.com\/itayachtscanada.com\/wp-content\/uploads\/2025\/07\/Capture-decran-le-2025-07-21-a-10.33.46.jpg?resize=202%2C300&amp;ssl=1 202w, https:\/\/i0.wp.com\/itayachtscanada.com\/wp-content\/uploads\/2025\/07\/Capture-decran-le-2025-07-21-a-10.33.46.jpg?resize=270%2C400&amp;ssl=1 270w, https:\/\/i0.wp.com\/itayachtscanada.com\/wp-content\/uploads\/2025\/07\/Capture-decran-le-2025-07-21-a-10.33.46.jpg?w=678&amp;ssl=1 678w\" sizes=\"auto, (max-width: 202px) 100vw, 202px\" \/> <img data-recalc-dims=\"1\" loading=\"lazy\" decoding=\"async\" data-attachment-id=\"281018\" data-permalink=\"https:\/\/itayachtscanada.com\/fr\/listing\/maritimo-m55-2024-2890000-usd-for-sale\/capture-decran-le-2025-07-21-a-10-33-37\/\" data-orig-file=\"https:\/\/i0.wp.com\/itayachtscanada.com\/wp-content\/uploads\/2025\/07\/Capture-decran-le-2025-07-21-a-10.33.37.jpg?fit=734%2C1006&amp;ssl=1\" data-orig-size=\"734,1006\" data-comments-opened=\"1\" data-image-meta=\"{&quot;aperture&quot;:&quot;0&quot;,&quot;credit&quot;:&quot;&quot;,&quot;camera&quot;:&quot;&quot;,&quot;caption&quot;:&quot;&quot;,&quot;created_timestamp&quot;:&quot;0&quot;,&quot;copyright&quot;:&quot;&quot;,&quot;focal_length&quot;:&quot;0&quot;,&quot;iso&quot;:&quot;0&quot;,&quot;shutter_speed&quot;:&quot;0&quot;,&quot;title&quot;:&quot;&quot;,&quot;orientation&quot;:&quot;0&quot;}\" data-image-title=\"Capture d\u2019e\u0301cran, le 2025-07-21 a\u0300 10.33.37\" data-image-description=\"\" data-image-caption=\"\" data-large-file=\"https:\/\/i0.wp.com\/itayachtscanada.com\/wp-content\/uploads\/2025\/07\/Capture-decran-le-2025-07-21-a-10.33.37.jpg?fit=700%2C959&amp;ssl=1\" class=\"alignnone size-medium wp-image-281018\" src=\"https:\/\/i0.wp.com\/itayachtscanada.com\/wp-content\/uploads\/2025\/07\/Capture-decran-le-2025-07-21-a-10.33.37.jpg?resize=219%2C300&#038;ssl=1\" alt=\"\" width=\"219\" height=\"300\" srcset=\"https:\/\/i0.wp.com\/itayachtscanada.com\/wp-content\/uploads\/2025\/07\/Capture-decran-le-2025-07-21-a-10.33.37.jpg?resize=219%2C300&amp;ssl=1 219w, https:\/\/i0.wp.com\/itayachtscanada.com\/wp-content\/uploads\/2025\/07\/Capture-decran-le-2025-07-21-a-10.33.37.jpg?resize=700%2C959&amp;ssl=1 700w, https:\/\/i0.wp.com\/itayachtscanada.com\/wp-content\/uploads\/2025\/07\/Capture-decran-le-2025-07-21-a-10.33.37.jpg?resize=292%2C400&amp;ssl=1 292w, https:\/\/i0.wp.com\/itayachtscanada.com\/wp-content\/uploads\/2025\/07\/Capture-decran-le-2025-07-21-a-10.33.37.jpg?w=734&amp;ssl=1 734w\" sizes=\"auto, (max-width: 219px) 100vw, 219px\" \/> <img data-recalc-dims=\"1\" loading=\"lazy\" decoding=\"async\" data-attachment-id=\"281019\" data-permalink=\"https:\/\/itayachtscanada.com\/fr\/listing\/maritimo-m55-2024-2890000-usd-for-sale\/capture-decran-le-2025-07-21-a-10-33-34\/\" data-orig-file=\"https:\/\/i0.wp.com\/itayachtscanada.com\/wp-content\/uploads\/2025\/07\/Capture-decran-le-2025-07-21-a-10.33.34.jpg?fit=1528%2C1006&amp;ssl=1\" data-orig-size=\"1528,1006\" data-comments-opened=\"1\" data-image-meta=\"{&quot;aperture&quot;:&quot;0&quot;,&quot;credit&quot;:&quot;&quot;,&quot;camera&quot;:&quot;&quot;,&quot;caption&quot;:&quot;&quot;,&quot;created_timestamp&quot;:&quot;0&quot;,&quot;copyright&quot;:&quot;&quot;,&quot;focal_length&quot;:&quot;0&quot;,&quot;iso&quot;:&quot;0&quot;,&quot;shutter_speed&quot;:&quot;0&quot;,&quot;title&quot;:&quot;&quot;,&quot;orientation&quot;:&quot;0&quot;}\" data-image-title=\"Capture d\u2019e\u0301cran, le 2025-07-21 a\u0300 10.33.34\" data-image-description=\"\" data-image-caption=\"\" data-large-file=\"https:\/\/i0.wp.com\/itayachtscanada.com\/wp-content\/uploads\/2025\/07\/Capture-decran-le-2025-07-21-a-10.33.34.jpg?fit=700%2C461&amp;ssl=1\" class=\"alignnone size-medium wp-image-281019\" src=\"https:\/\/i0.wp.com\/itayachtscanada.com\/wp-content\/uploads\/2025\/07\/Capture-decran-le-2025-07-21-a-10.33.34.jpg?resize=300%2C198&#038;ssl=1\" alt=\"\" width=\"300\" height=\"198\" srcset=\"https:\/\/i0.wp.com\/itayachtscanada.com\/wp-content\/uploads\/2025\/07\/Capture-decran-le-2025-07-21-a-10.33.34.jpg?resize=300%2C198&amp;ssl=1 300w, https:\/\/i0.wp.com\/itayachtscanada.com\/wp-content\/uploads\/2025\/07\/Capture-decran-le-2025-07-21-a-10.33.34.jpg?resize=1024%2C674&amp;ssl=1 1024w, https:\/\/i0.wp.com\/itayachtscanada.com\/wp-content\/uploads\/2025\/07\/Capture-decran-le-2025-07-21-a-10.33.34.jpg?resize=768%2C506&amp;ssl=1 768w, https:\/\/i0.wp.com\/itayachtscanada.com\/wp-content\/uploads\/2025\/07\/Capture-decran-le-2025-07-21-a-10.33.34.jpg?resize=700%2C461&amp;ssl=1 700w, https:\/\/i0.wp.com\/itayachtscanada.com\/wp-content\/uploads\/2025\/07\/Capture-decran-le-2025-07-21-a-10.33.34.jpg?resize=608%2C400&amp;ssl=1 608w, https:\/\/i0.wp.com\/itayachtscanada.com\/wp-content\/uploads\/2025\/07\/Capture-decran-le-2025-07-21-a-10.33.34.jpg?w=1528&amp;ssl=1 1528w, https:\/\/i0.wp.com\/itayachtscanada.com\/wp-content\/uploads\/2025\/07\/Capture-decran-le-2025-07-21-a-10.33.34.jpg?w=1400&amp;ssl=1 1400w\" sizes=\"auto, (max-width: 300px) 100vw, 300px\" \/> <img data-recalc-dims=\"1\" loading=\"lazy\" decoding=\"async\" data-attachment-id=\"281020\" data-permalink=\"https:\/\/itayachtscanada.com\/fr\/listing\/maritimo-m55-2024-2890000-usd-for-sale\/capture-decran-le-2025-07-21-a-10-33-29\/\" data-orig-file=\"https:\/\/i0.wp.com\/itayachtscanada.com\/wp-content\/uploads\/2025\/07\/Capture-decran-le-2025-07-21-a-10.33.29.jpg?fit=1528%2C1006&amp;ssl=1\" data-orig-size=\"1528,1006\" data-comments-opened=\"1\" data-image-meta=\"{&quot;aperture&quot;:&quot;0&quot;,&quot;credit&quot;:&quot;&quot;,&quot;camera&quot;:&quot;&quot;,&quot;caption&quot;:&quot;&quot;,&quot;created_timestamp&quot;:&quot;0&quot;,&quot;copyright&quot;:&quot;&quot;,&quot;focal_length&quot;:&quot;0&quot;,&quot;iso&quot;:&quot;0&quot;,&quot;shutter_speed&quot;:&quot;0&quot;,&quot;title&quot;:&quot;&quot;,&quot;orientation&quot;:&quot;0&quot;}\" data-image-title=\"Capture d\u2019e\u0301cran, le 2025-07-21 a\u0300 10.33.29\" data-image-description=\"\" data-image-caption=\"\" data-large-file=\"https:\/\/i0.wp.com\/itayachtscanada.com\/wp-content\/uploads\/2025\/07\/Capture-decran-le-2025-07-21-a-10.33.29.jpg?fit=700%2C461&amp;ssl=1\" class=\"alignnone size-medium wp-image-281020\" src=\"https:\/\/i0.wp.com\/itayachtscanada.com\/wp-content\/uploads\/2025\/07\/Capture-decran-le-2025-07-21-a-10.33.29.jpg?resize=300%2C198&#038;ssl=1\" alt=\"\" width=\"300\" height=\"198\" srcset=\"https:\/\/i0.wp.com\/itayachtscanada.com\/wp-content\/uploads\/2025\/07\/Capture-decran-le-2025-07-21-a-10.33.29.jpg?resize=300%2C198&amp;ssl=1 300w, https:\/\/i0.wp.com\/itayachtscanada.com\/wp-content\/uploads\/2025\/07\/Capture-decran-le-2025-07-21-a-10.33.29.jpg?resize=1024%2C674&amp;ssl=1 1024w, https:\/\/i0.wp.com\/itayachtscanada.com\/wp-content\/uploads\/2025\/07\/Capture-decran-le-2025-07-21-a-10.33.29.jpg?resize=768%2C506&amp;ssl=1 768w, https:\/\/i0.wp.com\/itayachtscanada.com\/wp-content\/uploads\/2025\/07\/Capture-decran-le-2025-07-21-a-10.33.29.jpg?resize=700%2C461&amp;ssl=1 700w, https:\/\/i0.wp.com\/itayachtscanada.com\/wp-content\/uploads\/2025\/07\/Capture-decran-le-2025-07-21-a-10.33.29.jpg?resize=608%2C400&amp;ssl=1 608w, https:\/\/i0.wp.com\/itayachtscanada.com\/wp-content\/uploads\/2025\/07\/Capture-decran-le-2025-07-21-a-10.33.29.jpg?w=1528&amp;ssl=1 1528w, https:\/\/i0.wp.com\/itayachtscanada.com\/wp-content\/uploads\/2025\/07\/Capture-decran-le-2025-07-21-a-10.33.29.jpg?w=1400&amp;ssl=1 1400w\" sizes=\"auto, (max-width: 300px) 100vw, 300px\" \/> <img data-recalc-dims=\"1\" loading=\"lazy\" decoding=\"async\" data-attachment-id=\"281021\" data-permalink=\"https:\/\/itayachtscanada.com\/fr\/listing\/maritimo-m55-2024-2890000-usd-for-sale\/capture-decran-le-2025-07-21-a-10-33-25\/\" data-orig-file=\"https:\/\/i0.wp.com\/itayachtscanada.com\/wp-content\/uploads\/2025\/07\/Capture-decran-le-2025-07-21-a-10.33.25.jpg?fit=1528%2C1006&amp;ssl=1\" data-orig-size=\"1528,1006\" data-comments-opened=\"1\" data-image-meta=\"{&quot;aperture&quot;:&quot;0&quot;,&quot;credit&quot;:&quot;&quot;,&quot;camera&quot;:&quot;&quot;,&quot;caption&quot;:&quot;&quot;,&quot;created_timestamp&quot;:&quot;0&quot;,&quot;copyright&quot;:&quot;&quot;,&quot;focal_length&quot;:&quot;0&quot;,&quot;iso&quot;:&quot;0&quot;,&quot;shutter_speed&quot;:&quot;0&quot;,&quot;title&quot;:&quot;&quot;,&quot;orientation&quot;:&quot;0&quot;}\" data-image-title=\"Capture d\u2019e\u0301cran, le 2025-07-21 a\u0300 10.33.25\" data-image-description=\"\" data-image-caption=\"\" data-large-file=\"https:\/\/i0.wp.com\/itayachtscanada.com\/wp-content\/uploads\/2025\/07\/Capture-decran-le-2025-07-21-a-10.33.25.jpg?fit=700%2C461&amp;ssl=1\" class=\"alignnone size-medium wp-image-281021\" src=\"https:\/\/i0.wp.com\/itayachtscanada.com\/wp-content\/uploads\/2025\/07\/Capture-decran-le-2025-07-21-a-10.33.25.jpg?resize=300%2C198&#038;ssl=1\" alt=\"\" width=\"300\" height=\"198\" srcset=\"https:\/\/i0.wp.com\/itayachtscanada.com\/wp-content\/uploads\/2025\/07\/Capture-decran-le-2025-07-21-a-10.33.25.jpg?resize=300%2C198&amp;ssl=1 300w, https:\/\/i0.wp.com\/itayachtscanada.com\/wp-content\/uploads\/2025\/07\/Capture-decran-le-2025-07-21-a-10.33.25.jpg?resize=1024%2C674&amp;ssl=1 1024w, https:\/\/i0.wp.com\/itayachtscanada.com\/wp-content\/uploads\/2025\/07\/Capture-decran-le-2025-07-21-a-10.33.25.jpg?resize=768%2C506&amp;ssl=1 768w, https:\/\/i0.wp.com\/itayachtscanada.com\/wp-content\/uploads\/2025\/07\/Capture-decran-le-2025-07-21-a-10.33.25.jpg?resize=700%2C461&amp;ssl=1 700w, https:\/\/i0.wp.com\/itayachtscanada.com\/wp-content\/uploads\/2025\/07\/Capture-decran-le-2025-07-21-a-10.33.25.jpg?resize=608%2C400&amp;ssl=1 608w, https:\/\/i0.wp.com\/itayachtscanada.com\/wp-content\/uploads\/2025\/07\/Capture-decran-le-2025-07-21-a-10.33.25.jpg?w=1528&amp;ssl=1 1528w, https:\/\/i0.wp.com\/itayachtscanada.com\/wp-content\/uploads\/2025\/07\/Capture-decran-le-2025-07-21-a-10.33.25.jpg?w=1400&amp;ssl=1 1400w\" sizes=\"auto, (max-width: 300px) 100vw, 300px\" \/> <img data-recalc-dims=\"1\" loading=\"lazy\" decoding=\"async\" data-attachment-id=\"281022\" data-permalink=\"https:\/\/itayachtscanada.com\/fr\/listing\/maritimo-m55-2024-2890000-usd-for-sale\/capture-decran-le-2025-07-21-a-10-33-21\/\" data-orig-file=\"https:\/\/i0.wp.com\/itayachtscanada.com\/wp-content\/uploads\/2025\/07\/Capture-decran-le-2025-07-21-a-10.33.21.jpg?fit=1528%2C1006&amp;ssl=1\" data-orig-size=\"1528,1006\" data-comments-opened=\"1\" data-image-meta=\"{&quot;aperture&quot;:&quot;0&quot;,&quot;credit&quot;:&quot;&quot;,&quot;camera&quot;:&quot;&quot;,&quot;caption&quot;:&quot;&quot;,&quot;created_timestamp&quot;:&quot;0&quot;,&quot;copyright&quot;:&quot;&quot;,&quot;focal_length&quot;:&quot;0&quot;,&quot;iso&quot;:&quot;0&quot;,&quot;shutter_speed&quot;:&quot;0&quot;,&quot;title&quot;:&quot;&quot;,&quot;orientation&quot;:&quot;0&quot;}\" data-image-title=\"Capture d\u2019e\u0301cran, le 2025-07-21 a\u0300 10.33.21\" data-image-description=\"\" data-image-caption=\"\" data-large-file=\"https:\/\/i0.wp.com\/itayachtscanada.com\/wp-content\/uploads\/2025\/07\/Capture-decran-le-2025-07-21-a-10.33.21.jpg?fit=700%2C461&amp;ssl=1\" class=\"alignnone size-medium wp-image-281022\" src=\"https:\/\/i0.wp.com\/itayachtscanada.com\/wp-content\/uploads\/2025\/07\/Capture-decran-le-2025-07-21-a-10.33.21.jpg?resize=300%2C198&#038;ssl=1\" alt=\"\" width=\"300\" height=\"198\" srcset=\"https:\/\/i0.wp.com\/itayachtscanada.com\/wp-content\/uploads\/2025\/07\/Capture-decran-le-2025-07-21-a-10.33.21.jpg?resize=300%2C198&amp;ssl=1 300w, https:\/\/i0.wp.com\/itayachtscanada.com\/wp-content\/uploads\/2025\/07\/Capture-decran-le-2025-07-21-a-10.33.21.jpg?resize=1024%2C674&amp;ssl=1 1024w, https:\/\/i0.wp.com\/itayachtscanada.com\/wp-content\/uploads\/2025\/07\/Capture-decran-le-2025-07-21-a-10.33.21.jpg?resize=768%2C506&amp;ssl=1 768w, https:\/\/i0.wp.com\/itayachtscanada.com\/wp-content\/uploads\/2025\/07\/Capture-decran-le-2025-07-21-a-10.33.21.jpg?resize=700%2C461&amp;ssl=1 700w, https:\/\/i0.wp.com\/itayachtscanada.com\/wp-content\/uploads\/2025\/07\/Capture-decran-le-2025-07-21-a-10.33.21.jpg?resize=608%2C400&amp;ssl=1 608w, https:\/\/i0.wp.com\/itayachtscanada.com\/wp-content\/uploads\/2025\/07\/Capture-decran-le-2025-07-21-a-10.33.21.jpg?w=1528&amp;ssl=1 1528w, https:\/\/i0.wp.com\/itayachtscanada.com\/wp-content\/uploads\/2025\/07\/Capture-decran-le-2025-07-21-a-10.33.21.jpg?w=1400&amp;ssl=1 1400w\" sizes=\"auto, (max-width: 300px) 100vw, 300px\" \/> <img data-recalc-dims=\"1\" loading=\"lazy\" decoding=\"async\" data-attachment-id=\"281023\" data-permalink=\"https:\/\/itayachtscanada.com\/fr\/listing\/maritimo-m55-2024-2890000-usd-for-sale\/capture-decran-le-2025-07-21-a-10-33-13\/\" data-orig-file=\"https:\/\/i0.wp.com\/itayachtscanada.com\/wp-content\/uploads\/2025\/07\/Capture-decran-le-2025-07-21-a-10.33.13.jpg?fit=1528%2C1006&amp;ssl=1\" data-orig-size=\"1528,1006\" data-comments-opened=\"1\" data-image-meta=\"{&quot;aperture&quot;:&quot;0&quot;,&quot;credit&quot;:&quot;&quot;,&quot;camera&quot;:&quot;&quot;,&quot;caption&quot;:&quot;&quot;,&quot;created_timestamp&quot;:&quot;0&quot;,&quot;copyright&quot;:&quot;&quot;,&quot;focal_length&quot;:&quot;0&quot;,&quot;iso&quot;:&quot;0&quot;,&quot;shutter_speed&quot;:&quot;0&quot;,&quot;title&quot;:&quot;&quot;,&quot;orientation&quot;:&quot;0&quot;}\" data-image-title=\"Capture d\u2019e\u0301cran, le 2025-07-21 a\u0300 10.33.13\" data-image-description=\"\" data-image-caption=\"\" data-large-file=\"https:\/\/i0.wp.com\/itayachtscanada.com\/wp-content\/uploads\/2025\/07\/Capture-decran-le-2025-07-21-a-10.33.13.jpg?fit=700%2C461&amp;ssl=1\" class=\"alignnone size-medium wp-image-281023\" src=\"https:\/\/i0.wp.com\/itayachtscanada.com\/wp-content\/uploads\/2025\/07\/Capture-decran-le-2025-07-21-a-10.33.13.jpg?resize=300%2C198&#038;ssl=1\" alt=\"\" width=\"300\" height=\"198\" srcset=\"https:\/\/i0.wp.com\/itayachtscanada.com\/wp-content\/uploads\/2025\/07\/Capture-decran-le-2025-07-21-a-10.33.13.jpg?resize=300%2C198&amp;ssl=1 300w, https:\/\/i0.wp.com\/itayachtscanada.com\/wp-content\/uploads\/2025\/07\/Capture-decran-le-2025-07-21-a-10.33.13.jpg?resize=1024%2C674&amp;ssl=1 1024w, https:\/\/i0.wp.com\/itayachtscanada.com\/wp-content\/uploads\/2025\/07\/Capture-decran-le-2025-07-21-a-10.33.13.jpg?resize=768%2C506&amp;ssl=1 768w, https:\/\/i0.wp.com\/itayachtscanada.com\/wp-content\/uploads\/2025\/07\/Capture-decran-le-2025-07-21-a-10.33.13.jpg?resize=700%2C461&amp;ssl=1 700w, https:\/\/i0.wp.com\/itayachtscanada.com\/wp-content\/uploads\/2025\/07\/Capture-decran-le-2025-07-21-a-10.33.13.jpg?resize=608%2C400&amp;ssl=1 608w, https:\/\/i0.wp.com\/itayachtscanada.com\/wp-content\/uploads\/2025\/07\/Capture-decran-le-2025-07-21-a-10.33.13.jpg?w=1528&amp;ssl=1 1528w, https:\/\/i0.wp.com\/itayachtscanada.com\/wp-content\/uploads\/2025\/07\/Capture-decran-le-2025-07-21-a-10.33.13.jpg?w=1400&amp;ssl=1 1400w\" sizes=\"auto, (max-width: 300px) 100vw, 300px\" \/> <img data-recalc-dims=\"1\" loading=\"lazy\" decoding=\"async\" data-attachment-id=\"281024\" data-permalink=\"https:\/\/itayachtscanada.com\/fr\/listing\/maritimo-m55-2024-2890000-usd-for-sale\/capture-decran-le-2025-07-21-a-10-33-10\/\" data-orig-file=\"https:\/\/i0.wp.com\/itayachtscanada.com\/wp-content\/uploads\/2025\/07\/Capture-decran-le-2025-07-21-a-10.33.10.jpg?fit=682%2C1006&amp;ssl=1\" data-orig-size=\"682,1006\" data-comments-opened=\"1\" data-image-meta=\"{&quot;aperture&quot;:&quot;0&quot;,&quot;credit&quot;:&quot;&quot;,&quot;camera&quot;:&quot;&quot;,&quot;caption&quot;:&quot;&quot;,&quot;created_timestamp&quot;:&quot;0&quot;,&quot;copyright&quot;:&quot;&quot;,&quot;focal_length&quot;:&quot;0&quot;,&quot;iso&quot;:&quot;0&quot;,&quot;shutter_speed&quot;:&quot;0&quot;,&quot;title&quot;:&quot;&quot;,&quot;orientation&quot;:&quot;0&quot;}\" data-image-title=\"Capture d\u2019e\u0301cran, le 2025-07-21 a\u0300 10.33.10\" data-image-description=\"\" data-image-caption=\"\" data-large-file=\"https:\/\/i0.wp.com\/itayachtscanada.com\/wp-content\/uploads\/2025\/07\/Capture-decran-le-2025-07-21-a-10.33.10.jpg?fit=682%2C1006&amp;ssl=1\" class=\"alignnone size-medium wp-image-281024\" src=\"https:\/\/i0.wp.com\/itayachtscanada.com\/wp-content\/uploads\/2025\/07\/Capture-decran-le-2025-07-21-a-10.33.10.jpg?resize=203%2C300&#038;ssl=1\" alt=\"\" width=\"203\" height=\"300\" srcset=\"https:\/\/i0.wp.com\/itayachtscanada.com\/wp-content\/uploads\/2025\/07\/Capture-decran-le-2025-07-21-a-10.33.10.jpg?resize=203%2C300&amp;ssl=1 203w, https:\/\/i0.wp.com\/itayachtscanada.com\/wp-content\/uploads\/2025\/07\/Capture-decran-le-2025-07-21-a-10.33.10.jpg?resize=271%2C400&amp;ssl=1 271w, https:\/\/i0.wp.com\/itayachtscanada.com\/wp-content\/uploads\/2025\/07\/Capture-decran-le-2025-07-21-a-10.33.10.jpg?w=682&amp;ssl=1 682w\" sizes=\"auto, (max-width: 203px) 100vw, 203px\" \/> <img data-recalc-dims=\"1\" loading=\"lazy\" decoding=\"async\" data-attachment-id=\"281025\" data-permalink=\"https:\/\/itayachtscanada.com\/fr\/listing\/maritimo-m55-2024-2890000-usd-for-sale\/capture-decran-le-2025-07-21-a-10-33-01\/\" data-orig-file=\"https:\/\/i0.wp.com\/itayachtscanada.com\/wp-content\/uploads\/2025\/07\/Capture-decran-le-2025-07-21-a-10.33.01.jpg?fit=682%2C1006&amp;ssl=1\" data-orig-size=\"682,1006\" data-comments-opened=\"1\" data-image-meta=\"{&quot;aperture&quot;:&quot;0&quot;,&quot;credit&quot;:&quot;&quot;,&quot;camera&quot;:&quot;&quot;,&quot;caption&quot;:&quot;&quot;,&quot;created_timestamp&quot;:&quot;0&quot;,&quot;copyright&quot;:&quot;&quot;,&quot;focal_length&quot;:&quot;0&quot;,&quot;iso&quot;:&quot;0&quot;,&quot;shutter_speed&quot;:&quot;0&quot;,&quot;title&quot;:&quot;&quot;,&quot;orientation&quot;:&quot;0&quot;}\" data-image-title=\"Capture d\u2019e\u0301cran, le 2025-07-21 a\u0300 10.33.01\" data-image-description=\"\" data-image-caption=\"\" data-large-file=\"https:\/\/i0.wp.com\/itayachtscanada.com\/wp-content\/uploads\/2025\/07\/Capture-decran-le-2025-07-21-a-10.33.01.jpg?fit=682%2C1006&amp;ssl=1\" class=\"alignnone size-medium wp-image-281025\" src=\"https:\/\/i0.wp.com\/itayachtscanada.com\/wp-content\/uploads\/2025\/07\/Capture-decran-le-2025-07-21-a-10.33.01.jpg?resize=203%2C300&#038;ssl=1\" alt=\"\" width=\"203\" height=\"300\" srcset=\"https:\/\/i0.wp.com\/itayachtscanada.com\/wp-content\/uploads\/2025\/07\/Capture-decran-le-2025-07-21-a-10.33.01.jpg?resize=203%2C300&amp;ssl=1 203w, https:\/\/i0.wp.com\/itayachtscanada.com\/wp-content\/uploads\/2025\/07\/Capture-decran-le-2025-07-21-a-10.33.01.jpg?resize=271%2C400&amp;ssl=1 271w, https:\/\/i0.wp.com\/itayachtscanada.com\/wp-content\/uploads\/2025\/07\/Capture-decran-le-2025-07-21-a-10.33.01.jpg?w=682&amp;ssl=1 682w\" sizes=\"auto, (max-width: 203px) 100vw, 203px\" \/> <img data-recalc-dims=\"1\" loading=\"lazy\" decoding=\"async\" data-attachment-id=\"281026\" data-permalink=\"https:\/\/itayachtscanada.com\/fr\/listing\/maritimo-m55-2024-2890000-usd-for-sale\/capture-decran-le-2025-07-21-a-10-32-54\/\" data-orig-file=\"https:\/\/i0.wp.com\/itayachtscanada.com\/wp-content\/uploads\/2025\/07\/Capture-decran-le-2025-07-21-a-10.32.54.jpg?fit=724%2C1006&amp;ssl=1\" data-orig-size=\"724,1006\" data-comments-opened=\"1\" data-image-meta=\"{&quot;aperture&quot;:&quot;0&quot;,&quot;credit&quot;:&quot;&quot;,&quot;camera&quot;:&quot;&quot;,&quot;caption&quot;:&quot;&quot;,&quot;created_timestamp&quot;:&quot;0&quot;,&quot;copyright&quot;:&quot;&quot;,&quot;focal_length&quot;:&quot;0&quot;,&quot;iso&quot;:&quot;0&quot;,&quot;shutter_speed&quot;:&quot;0&quot;,&quot;title&quot;:&quot;&quot;,&quot;orientation&quot;:&quot;0&quot;}\" data-image-title=\"Capture d\u2019e\u0301cran, le 2025-07-21 a\u0300 10.32.54\" data-image-description=\"\" data-image-caption=\"\" data-large-file=\"https:\/\/i0.wp.com\/itayachtscanada.com\/wp-content\/uploads\/2025\/07\/Capture-decran-le-2025-07-21-a-10.32.54.jpg?fit=700%2C973&amp;ssl=1\" class=\"alignnone size-medium wp-image-281026\" src=\"https:\/\/i0.wp.com\/itayachtscanada.com\/wp-content\/uploads\/2025\/07\/Capture-decran-le-2025-07-21-a-10.32.54.jpg?resize=216%2C300&#038;ssl=1\" alt=\"\" width=\"216\" height=\"300\" srcset=\"https:\/\/i0.wp.com\/itayachtscanada.com\/wp-content\/uploads\/2025\/07\/Capture-decran-le-2025-07-21-a-10.32.54.jpg?resize=216%2C300&amp;ssl=1 216w, https:\/\/i0.wp.com\/itayachtscanada.com\/wp-content\/uploads\/2025\/07\/Capture-decran-le-2025-07-21-a-10.32.54.jpg?resize=700%2C973&amp;ssl=1 700w, https:\/\/i0.wp.com\/itayachtscanada.com\/wp-content\/uploads\/2025\/07\/Capture-decran-le-2025-07-21-a-10.32.54.jpg?resize=288%2C400&amp;ssl=1 288w, https:\/\/i0.wp.com\/itayachtscanada.com\/wp-content\/uploads\/2025\/07\/Capture-decran-le-2025-07-21-a-10.32.54.jpg?w=724&amp;ssl=1 724w\" sizes=\"auto, (max-width: 216px) 100vw, 216px\" \/> <img data-recalc-dims=\"1\" loading=\"lazy\" decoding=\"async\" data-attachment-id=\"281027\" data-permalink=\"https:\/\/itayachtscanada.com\/fr\/listing\/maritimo-m55-2024-2890000-usd-for-sale\/capture-decran-le-2025-07-21-a-10-32-44\/\" data-orig-file=\"https:\/\/i0.wp.com\/itayachtscanada.com\/wp-content\/uploads\/2025\/07\/Capture-decran-le-2025-07-21-a-10.32.44.jpg?fit=1248%2C1006&amp;ssl=1\" data-orig-size=\"1248,1006\" data-comments-opened=\"1\" data-image-meta=\"{&quot;aperture&quot;:&quot;0&quot;,&quot;credit&quot;:&quot;&quot;,&quot;camera&quot;:&quot;&quot;,&quot;caption&quot;:&quot;&quot;,&quot;created_timestamp&quot;:&quot;0&quot;,&quot;copyright&quot;:&quot;&quot;,&quot;focal_length&quot;:&quot;0&quot;,&quot;iso&quot;:&quot;0&quot;,&quot;shutter_speed&quot;:&quot;0&quot;,&quot;title&quot;:&quot;&quot;,&quot;orientation&quot;:&quot;0&quot;}\" data-image-title=\"Capture d\u2019e\u0301cran, le 2025-07-21 a\u0300 10.32.44\" data-image-description=\"\" data-image-caption=\"\" data-large-file=\"https:\/\/i0.wp.com\/itayachtscanada.com\/wp-content\/uploads\/2025\/07\/Capture-decran-le-2025-07-21-a-10.32.44.jpg?fit=700%2C564&amp;ssl=1\" class=\"alignnone size-medium wp-image-281027\" src=\"https:\/\/i0.wp.com\/itayachtscanada.com\/wp-content\/uploads\/2025\/07\/Capture-decran-le-2025-07-21-a-10.32.44.jpg?resize=300%2C242&#038;ssl=1\" alt=\"\" width=\"300\" height=\"242\" srcset=\"https:\/\/i0.wp.com\/itayachtscanada.com\/wp-content\/uploads\/2025\/07\/Capture-decran-le-2025-07-21-a-10.32.44.jpg?resize=300%2C242&amp;ssl=1 300w, https:\/\/i0.wp.com\/itayachtscanada.com\/wp-content\/uploads\/2025\/07\/Capture-decran-le-2025-07-21-a-10.32.44.jpg?resize=1024%2C825&amp;ssl=1 1024w, https:\/\/i0.wp.com\/itayachtscanada.com\/wp-content\/uploads\/2025\/07\/Capture-decran-le-2025-07-21-a-10.32.44.jpg?resize=768%2C619&amp;ssl=1 768w, https:\/\/i0.wp.com\/itayachtscanada.com\/wp-content\/uploads\/2025\/07\/Capture-decran-le-2025-07-21-a-10.32.44.jpg?resize=700%2C564&amp;ssl=1 700w, https:\/\/i0.wp.com\/itayachtscanada.com\/wp-content\/uploads\/2025\/07\/Capture-decran-le-2025-07-21-a-10.32.44.jpg?resize=496%2C400&amp;ssl=1 496w, https:\/\/i0.wp.com\/itayachtscanada.com\/wp-content\/uploads\/2025\/07\/Capture-decran-le-2025-07-21-a-10.32.44.jpg?w=1248&amp;ssl=1 1248w\" sizes=\"auto, (max-width: 300px) 100vw, 300px\" \/> <img data-recalc-dims=\"1\" loading=\"lazy\" decoding=\"async\" data-attachment-id=\"281028\" data-permalink=\"https:\/\/itayachtscanada.com\/fr\/listing\/maritimo-m55-2024-2890000-usd-for-sale\/capture-decran-le-2025-07-21-a-10-32-35\/\" data-orig-file=\"https:\/\/i0.wp.com\/itayachtscanada.com\/wp-content\/uploads\/2025\/07\/Capture-decran-le-2025-07-21-a-10.32.35.jpg?fit=1528%2C1006&amp;ssl=1\" data-orig-size=\"1528,1006\" data-comments-opened=\"1\" data-image-meta=\"{&quot;aperture&quot;:&quot;0&quot;,&quot;credit&quot;:&quot;&quot;,&quot;camera&quot;:&quot;&quot;,&quot;caption&quot;:&quot;&quot;,&quot;created_timestamp&quot;:&quot;0&quot;,&quot;copyright&quot;:&quot;&quot;,&quot;focal_length&quot;:&quot;0&quot;,&quot;iso&quot;:&quot;0&quot;,&quot;shutter_speed&quot;:&quot;0&quot;,&quot;title&quot;:&quot;&quot;,&quot;orientation&quot;:&quot;0&quot;}\" data-image-title=\"Capture d\u2019e\u0301cran, le 2025-07-21 a\u0300 10.32.35\" data-image-description=\"\" data-image-caption=\"\" data-large-file=\"https:\/\/i0.wp.com\/itayachtscanada.com\/wp-content\/uploads\/2025\/07\/Capture-decran-le-2025-07-21-a-10.32.35.jpg?fit=700%2C461&amp;ssl=1\" class=\"alignnone size-medium wp-image-281028\" src=\"https:\/\/i0.wp.com\/itayachtscanada.com\/wp-content\/uploads\/2025\/07\/Capture-decran-le-2025-07-21-a-10.32.35.jpg?resize=300%2C198&#038;ssl=1\" alt=\"\" width=\"300\" height=\"198\" srcset=\"https:\/\/i0.wp.com\/itayachtscanada.com\/wp-content\/uploads\/2025\/07\/Capture-decran-le-2025-07-21-a-10.32.35.jpg?resize=300%2C198&amp;ssl=1 300w, https:\/\/i0.wp.com\/itayachtscanada.com\/wp-content\/uploads\/2025\/07\/Capture-decran-le-2025-07-21-a-10.32.35.jpg?resize=1024%2C674&amp;ssl=1 1024w, https:\/\/i0.wp.com\/itayachtscanada.com\/wp-content\/uploads\/2025\/07\/Capture-decran-le-2025-07-21-a-10.32.35.jpg?resize=768%2C506&amp;ssl=1 768w, https:\/\/i0.wp.com\/itayachtscanada.com\/wp-content\/uploads\/2025\/07\/Capture-decran-le-2025-07-21-a-10.32.35.jpg?resize=700%2C461&amp;ssl=1 700w, https:\/\/i0.wp.com\/itayachtscanada.com\/wp-content\/uploads\/2025\/07\/Capture-decran-le-2025-07-21-a-10.32.35.jpg?resize=608%2C400&amp;ssl=1 608w, https:\/\/i0.wp.com\/itayachtscanada.com\/wp-content\/uploads\/2025\/07\/Capture-decran-le-2025-07-21-a-10.32.35.jpg?w=1528&amp;ssl=1 1528w, https:\/\/i0.wp.com\/itayachtscanada.com\/wp-content\/uploads\/2025\/07\/Capture-decran-le-2025-07-21-a-10.32.35.jpg?w=1400&amp;ssl=1 1400w\" sizes=\"auto, (max-width: 300px) 100vw, 300px\" \/> <img data-recalc-dims=\"1\" loading=\"lazy\" decoding=\"async\" data-attachment-id=\"281029\" data-permalink=\"https:\/\/itayachtscanada.com\/fr\/listing\/maritimo-m55-2024-2890000-usd-for-sale\/capture-decran-le-2025-07-21-a-10-32-27\/\" data-orig-file=\"https:\/\/i0.wp.com\/itayachtscanada.com\/wp-content\/uploads\/2025\/07\/Capture-decran-le-2025-07-21-a-10.32.27.jpg?fit=682%2C1006&amp;ssl=1\" data-orig-size=\"682,1006\" data-comments-opened=\"1\" data-image-meta=\"{&quot;aperture&quot;:&quot;0&quot;,&quot;credit&quot;:&quot;&quot;,&quot;camera&quot;:&quot;&quot;,&quot;caption&quot;:&quot;&quot;,&quot;created_timestamp&quot;:&quot;0&quot;,&quot;copyright&quot;:&quot;&quot;,&quot;focal_length&quot;:&quot;0&quot;,&quot;iso&quot;:&quot;0&quot;,&quot;shutter_speed&quot;:&quot;0&quot;,&quot;title&quot;:&quot;&quot;,&quot;orientation&quot;:&quot;0&quot;}\" data-image-title=\"Capture d\u2019e\u0301cran, le 2025-07-21 a\u0300 10.32.27\" data-image-description=\"\" data-image-caption=\"\" data-large-file=\"https:\/\/i0.wp.com\/itayachtscanada.com\/wp-content\/uploads\/2025\/07\/Capture-decran-le-2025-07-21-a-10.32.27.jpg?fit=682%2C1006&amp;ssl=1\" class=\"alignnone size-medium wp-image-281029\" src=\"https:\/\/i0.wp.com\/itayachtscanada.com\/wp-content\/uploads\/2025\/07\/Capture-decran-le-2025-07-21-a-10.32.27.jpg?resize=203%2C300&#038;ssl=1\" alt=\"\" width=\"203\" height=\"300\" srcset=\"https:\/\/i0.wp.com\/itayachtscanada.com\/wp-content\/uploads\/2025\/07\/Capture-decran-le-2025-07-21-a-10.32.27.jpg?resize=203%2C300&amp;ssl=1 203w, https:\/\/i0.wp.com\/itayachtscanada.com\/wp-content\/uploads\/2025\/07\/Capture-decran-le-2025-07-21-a-10.32.27.jpg?resize=271%2C400&amp;ssl=1 271w, https:\/\/i0.wp.com\/itayachtscanada.com\/wp-content\/uploads\/2025\/07\/Capture-decran-le-2025-07-21-a-10.32.27.jpg?w=682&amp;ssl=1 682w\" sizes=\"auto, (max-width: 203px) 100vw, 203px\" \/> <img data-recalc-dims=\"1\" loading=\"lazy\" decoding=\"async\" data-attachment-id=\"281030\" data-permalink=\"https:\/\/itayachtscanada.com\/fr\/listing\/maritimo-m55-2024-2890000-usd-for-sale\/capture-decran-le-2025-07-21-a-10-32-19\/\" data-orig-file=\"https:\/\/i0.wp.com\/itayachtscanada.com\/wp-content\/uploads\/2025\/07\/Capture-decran-le-2025-07-21-a-10.32.19.jpg?fit=1534%2C1006&amp;ssl=1\" data-orig-size=\"1534,1006\" data-comments-opened=\"1\" data-image-meta=\"{&quot;aperture&quot;:&quot;0&quot;,&quot;credit&quot;:&quot;&quot;,&quot;camera&quot;:&quot;&quot;,&quot;caption&quot;:&quot;&quot;,&quot;created_timestamp&quot;:&quot;0&quot;,&quot;copyright&quot;:&quot;&quot;,&quot;focal_length&quot;:&quot;0&quot;,&quot;iso&quot;:&quot;0&quot;,&quot;shutter_speed&quot;:&quot;0&quot;,&quot;title&quot;:&quot;&quot;,&quot;orientation&quot;:&quot;0&quot;}\" data-image-title=\"Capture d\u2019e\u0301cran, le 2025-07-21 a\u0300 10.32.19\" data-image-description=\"\" data-image-caption=\"\" data-large-file=\"https:\/\/i0.wp.com\/itayachtscanada.com\/wp-content\/uploads\/2025\/07\/Capture-decran-le-2025-07-21-a-10.32.19.jpg?fit=700%2C459&amp;ssl=1\" class=\"alignnone size-medium wp-image-281030\" src=\"https:\/\/i0.wp.com\/itayachtscanada.com\/wp-content\/uploads\/2025\/07\/Capture-decran-le-2025-07-21-a-10.32.19.jpg?resize=300%2C197&#038;ssl=1\" alt=\"\" width=\"300\" height=\"197\" srcset=\"https:\/\/i0.wp.com\/itayachtscanada.com\/wp-content\/uploads\/2025\/07\/Capture-decran-le-2025-07-21-a-10.32.19.jpg?resize=300%2C197&amp;ssl=1 300w, https:\/\/i0.wp.com\/itayachtscanada.com\/wp-content\/uploads\/2025\/07\/Capture-decran-le-2025-07-21-a-10.32.19.jpg?resize=1024%2C672&amp;ssl=1 1024w, https:\/\/i0.wp.com\/itayachtscanada.com\/wp-content\/uploads\/2025\/07\/Capture-decran-le-2025-07-21-a-10.32.19.jpg?resize=768%2C504&amp;ssl=1 768w, https:\/\/i0.wp.com\/itayachtscanada.com\/wp-content\/uploads\/2025\/07\/Capture-decran-le-2025-07-21-a-10.32.19.jpg?resize=700%2C459&amp;ssl=1 700w, https:\/\/i0.wp.com\/itayachtscanada.com\/wp-content\/uploads\/2025\/07\/Capture-decran-le-2025-07-21-a-10.32.19.jpg?resize=610%2C400&amp;ssl=1 610w, https:\/\/i0.wp.com\/itayachtscanada.com\/wp-content\/uploads\/2025\/07\/Capture-decran-le-2025-07-21-a-10.32.19.jpg?w=1534&amp;ssl=1 1534w, https:\/\/i0.wp.com\/itayachtscanada.com\/wp-content\/uploads\/2025\/07\/Capture-decran-le-2025-07-21-a-10.32.19.jpg?w=1400&amp;ssl=1 1400w\" sizes=\"auto, (max-width: 300px) 100vw, 300px\" \/> <img data-recalc-dims=\"1\" loading=\"lazy\" decoding=\"async\" data-attachment-id=\"281031\" data-permalink=\"https:\/\/itayachtscanada.com\/fr\/listing\/maritimo-m55-2024-2890000-usd-for-sale\/capture-decran-le-2025-07-21-a-10-32-14\/\" data-orig-file=\"https:\/\/i0.wp.com\/itayachtscanada.com\/wp-content\/uploads\/2025\/07\/Capture-decran-le-2025-07-21-a-10.32.14.jpg?fit=668%2C1006&amp;ssl=1\" data-orig-size=\"668,1006\" data-comments-opened=\"1\" data-image-meta=\"{&quot;aperture&quot;:&quot;0&quot;,&quot;credit&quot;:&quot;&quot;,&quot;camera&quot;:&quot;&quot;,&quot;caption&quot;:&quot;&quot;,&quot;created_timestamp&quot;:&quot;0&quot;,&quot;copyright&quot;:&quot;&quot;,&quot;focal_length&quot;:&quot;0&quot;,&quot;iso&quot;:&quot;0&quot;,&quot;shutter_speed&quot;:&quot;0&quot;,&quot;title&quot;:&quot;&quot;,&quot;orientation&quot;:&quot;0&quot;}\" data-image-title=\"Capture d\u2019e\u0301cran, le 2025-07-21 a\u0300 10.32.14\" data-image-description=\"\" data-image-caption=\"\" data-large-file=\"https:\/\/i0.wp.com\/itayachtscanada.com\/wp-content\/uploads\/2025\/07\/Capture-decran-le-2025-07-21-a-10.32.14.jpg?fit=668%2C1006&amp;ssl=1\" class=\"alignnone size-medium wp-image-281031\" src=\"https:\/\/i0.wp.com\/itayachtscanada.com\/wp-content\/uploads\/2025\/07\/Capture-decran-le-2025-07-21-a-10.32.14.jpg?resize=199%2C300&#038;ssl=1\" alt=\"\" width=\"199\" height=\"300\" srcset=\"https:\/\/i0.wp.com\/itayachtscanada.com\/wp-content\/uploads\/2025\/07\/Capture-decran-le-2025-07-21-a-10.32.14.jpg?resize=199%2C300&amp;ssl=1 199w, https:\/\/i0.wp.com\/itayachtscanada.com\/wp-content\/uploads\/2025\/07\/Capture-decran-le-2025-07-21-a-10.32.14.jpg?resize=266%2C400&amp;ssl=1 266w, https:\/\/i0.wp.com\/itayachtscanada.com\/wp-content\/uploads\/2025\/07\/Capture-decran-le-2025-07-21-a-10.32.14.jpg?w=668&amp;ssl=1 668w\" sizes=\"auto, (max-width: 199px) 100vw, 199px\" \/> <img data-recalc-dims=\"1\" loading=\"lazy\" decoding=\"async\" data-attachment-id=\"281032\" data-permalink=\"https:\/\/itayachtscanada.com\/fr\/listing\/maritimo-m55-2024-2890000-usd-for-sale\/capture-decran-le-2025-07-21-a-10-32-06\/\" data-orig-file=\"https:\/\/i0.wp.com\/itayachtscanada.com\/wp-content\/uploads\/2025\/07\/Capture-decran-le-2025-07-21-a-10.32.06.jpg?fit=668%2C1006&amp;ssl=1\" data-orig-size=\"668,1006\" data-comments-opened=\"1\" data-image-meta=\"{&quot;aperture&quot;:&quot;0&quot;,&quot;credit&quot;:&quot;&quot;,&quot;camera&quot;:&quot;&quot;,&quot;caption&quot;:&quot;&quot;,&quot;created_timestamp&quot;:&quot;0&quot;,&quot;copyright&quot;:&quot;&quot;,&quot;focal_length&quot;:&quot;0&quot;,&quot;iso&quot;:&quot;0&quot;,&quot;shutter_speed&quot;:&quot;0&quot;,&quot;title&quot;:&quot;&quot;,&quot;orientation&quot;:&quot;0&quot;}\" data-image-title=\"Capture d\u2019e\u0301cran, le 2025-07-21 a\u0300 10.32.06\" data-image-description=\"\" data-image-caption=\"\" data-large-file=\"https:\/\/i0.wp.com\/itayachtscanada.com\/wp-content\/uploads\/2025\/07\/Capture-decran-le-2025-07-21-a-10.32.06.jpg?fit=668%2C1006&amp;ssl=1\" class=\"alignnone size-medium wp-image-281032\" src=\"https:\/\/i0.wp.com\/itayachtscanada.com\/wp-content\/uploads\/2025\/07\/Capture-decran-le-2025-07-21-a-10.32.06.jpg?resize=199%2C300&#038;ssl=1\" alt=\"\" width=\"199\" height=\"300\" srcset=\"https:\/\/i0.wp.com\/itayachtscanada.com\/wp-content\/uploads\/2025\/07\/Capture-decran-le-2025-07-21-a-10.32.06.jpg?resize=199%2C300&amp;ssl=1 199w, https:\/\/i0.wp.com\/itayachtscanada.com\/wp-content\/uploads\/2025\/07\/Capture-decran-le-2025-07-21-a-10.32.06.jpg?resize=266%2C400&amp;ssl=1 266w, https:\/\/i0.wp.com\/itayachtscanada.com\/wp-content\/uploads\/2025\/07\/Capture-decran-le-2025-07-21-a-10.32.06.jpg?w=668&amp;ssl=1 668w\" sizes=\"auto, (max-width: 199px) 100vw, 199px\" \/> <img data-recalc-dims=\"1\" loading=\"lazy\" decoding=\"async\" data-attachment-id=\"281033\" data-permalink=\"https:\/\/itayachtscanada.com\/fr\/listing\/maritimo-m55-2024-2890000-usd-for-sale\/capture-decran-le-2025-07-21-a-10-25-28\/\" data-orig-file=\"https:\/\/i0.wp.com\/itayachtscanada.com\/wp-content\/uploads\/2025\/07\/Capture-decran-le-2025-07-21-a-10.25.28.jpg?fit=1528%2C1006&amp;ssl=1\" data-orig-size=\"1528,1006\" data-comments-opened=\"1\" data-image-meta=\"{&quot;aperture&quot;:&quot;0&quot;,&quot;credit&quot;:&quot;&quot;,&quot;camera&quot;:&quot;&quot;,&quot;caption&quot;:&quot;&quot;,&quot;created_timestamp&quot;:&quot;0&quot;,&quot;copyright&quot;:&quot;&quot;,&quot;focal_length&quot;:&quot;0&quot;,&quot;iso&quot;:&quot;0&quot;,&quot;shutter_speed&quot;:&quot;0&quot;,&quot;title&quot;:&quot;&quot;,&quot;orientation&quot;:&quot;0&quot;}\" data-image-title=\"Capture d\u2019e\u0301cran, le 2025-07-21 a\u0300 10.25.28\" data-image-description=\"\" data-image-caption=\"\" data-large-file=\"https:\/\/i0.wp.com\/itayachtscanada.com\/wp-content\/uploads\/2025\/07\/Capture-decran-le-2025-07-21-a-10.25.28.jpg?fit=700%2C461&amp;ssl=1\" class=\"alignnone size-medium wp-image-281033\" src=\"https:\/\/i0.wp.com\/itayachtscanada.com\/wp-content\/uploads\/2025\/07\/Capture-decran-le-2025-07-21-a-10.25.28.jpg?resize=300%2C198&#038;ssl=1\" alt=\"\" width=\"300\" height=\"198\" srcset=\"https:\/\/i0.wp.com\/itayachtscanada.com\/wp-content\/uploads\/2025\/07\/Capture-decran-le-2025-07-21-a-10.25.28.jpg?resize=300%2C198&amp;ssl=1 300w, https:\/\/i0.wp.com\/itayachtscanada.com\/wp-content\/uploads\/2025\/07\/Capture-decran-le-2025-07-21-a-10.25.28.jpg?resize=1024%2C674&amp;ssl=1 1024w, https:\/\/i0.wp.com\/itayachtscanada.com\/wp-content\/uploads\/2025\/07\/Capture-decran-le-2025-07-21-a-10.25.28.jpg?resize=768%2C506&amp;ssl=1 768w, https:\/\/i0.wp.com\/itayachtscanada.com\/wp-content\/uploads\/2025\/07\/Capture-decran-le-2025-07-21-a-10.25.28.jpg?resize=700%2C461&amp;ssl=1 700w, https:\/\/i0.wp.com\/itayachtscanada.com\/wp-content\/uploads\/2025\/07\/Capture-decran-le-2025-07-21-a-10.25.28.jpg?resize=608%2C400&amp;ssl=1 608w, https:\/\/i0.wp.com\/itayachtscanada.com\/wp-content\/uploads\/2025\/07\/Capture-decran-le-2025-07-21-a-10.25.28.jpg?w=1528&amp;ssl=1 1528w, https:\/\/i0.wp.com\/itayachtscanada.com\/wp-content\/uploads\/2025\/07\/Capture-decran-le-2025-07-21-a-10.25.28.jpg?w=1400&amp;ssl=1 1400w\" sizes=\"auto, (max-width: 300px) 100vw, 300px\" \/> <img data-recalc-dims=\"1\" loading=\"lazy\" decoding=\"async\" data-attachment-id=\"281034\" data-permalink=\"https:\/\/itayachtscanada.com\/fr\/listing\/maritimo-m55-2024-2890000-usd-for-sale\/capture-decran-le-2025-07-21-a-10-25-18\/\" data-orig-file=\"https:\/\/i0.wp.com\/itayachtscanada.com\/wp-content\/uploads\/2025\/07\/Capture-decran-le-2025-07-21-a-10.25.18.jpg?fit=1290%2C1006&amp;ssl=1\" data-orig-size=\"1290,1006\" data-comments-opened=\"1\" data-image-meta=\"{&quot;aperture&quot;:&quot;0&quot;,&quot;credit&quot;:&quot;&quot;,&quot;camera&quot;:&quot;&quot;,&quot;caption&quot;:&quot;&quot;,&quot;created_timestamp&quot;:&quot;0&quot;,&quot;copyright&quot;:&quot;&quot;,&quot;focal_length&quot;:&quot;0&quot;,&quot;iso&quot;:&quot;0&quot;,&quot;shutter_speed&quot;:&quot;0&quot;,&quot;title&quot;:&quot;&quot;,&quot;orientation&quot;:&quot;0&quot;}\" data-image-title=\"Capture d\u2019e\u0301cran, le 2025-07-21 a\u0300 10.25.18\" data-image-description=\"\" data-image-caption=\"\" data-large-file=\"https:\/\/i0.wp.com\/itayachtscanada.com\/wp-content\/uploads\/2025\/07\/Capture-decran-le-2025-07-21-a-10.25.18.jpg?fit=700%2C546&amp;ssl=1\" class=\"alignnone size-medium wp-image-281034\" src=\"https:\/\/i0.wp.com\/itayachtscanada.com\/wp-content\/uploads\/2025\/07\/Capture-decran-le-2025-07-21-a-10.25.18.jpg?resize=300%2C234&#038;ssl=1\" alt=\"\" width=\"300\" height=\"234\" srcset=\"https:\/\/i0.wp.com\/itayachtscanada.com\/wp-content\/uploads\/2025\/07\/Capture-decran-le-2025-07-21-a-10.25.18.jpg?resize=300%2C234&amp;ssl=1 300w, https:\/\/i0.wp.com\/itayachtscanada.com\/wp-content\/uploads\/2025\/07\/Capture-decran-le-2025-07-21-a-10.25.18.jpg?resize=1024%2C799&amp;ssl=1 1024w, https:\/\/i0.wp.com\/itayachtscanada.com\/wp-content\/uploads\/2025\/07\/Capture-decran-le-2025-07-21-a-10.25.18.jpg?resize=768%2C599&amp;ssl=1 768w, https:\/\/i0.wp.com\/itayachtscanada.com\/wp-content\/uploads\/2025\/07\/Capture-decran-le-2025-07-21-a-10.25.18.jpg?resize=700%2C546&amp;ssl=1 700w, https:\/\/i0.wp.com\/itayachtscanada.com\/wp-content\/uploads\/2025\/07\/Capture-decran-le-2025-07-21-a-10.25.18.jpg?resize=513%2C400&amp;ssl=1 513w, https:\/\/i0.wp.com\/itayachtscanada.com\/wp-content\/uploads\/2025\/07\/Capture-decran-le-2025-07-21-a-10.25.18.jpg?w=1290&amp;ssl=1 1290w\" sizes=\"auto, (max-width: 300px) 100vw, 300px\" \/> <img data-recalc-dims=\"1\" loading=\"lazy\" decoding=\"async\" data-attachment-id=\"281035\" data-permalink=\"https:\/\/itayachtscanada.com\/fr\/listing\/maritimo-m55-2024-2890000-usd-for-sale\/layout-maritimo-m55\/\" data-orig-file=\"https:\/\/i0.wp.com\/itayachtscanada.com\/wp-content\/uploads\/2025\/07\/Layout-Maritimo-M55.jpg?fit=1216%2C1224&amp;ssl=1\" data-orig-size=\"1216,1224\" data-comments-opened=\"1\" data-image-meta=\"{&quot;aperture&quot;:&quot;0&quot;,&quot;credit&quot;:&quot;&quot;,&quot;camera&quot;:&quot;&quot;,&quot;caption&quot;:&quot;&quot;,&quot;created_timestamp&quot;:&quot;0&quot;,&quot;copyright&quot;:&quot;&quot;,&quot;focal_length&quot;:&quot;0&quot;,&quot;iso&quot;:&quot;0&quot;,&quot;shutter_speed&quot;:&quot;0&quot;,&quot;title&quot;:&quot;&quot;,&quot;orientation&quot;:&quot;0&quot;}\" data-image-title=\"Layout Maritimo M55\" data-image-description=\"\" data-image-caption=\"\" data-large-file=\"https:\/\/i0.wp.com\/itayachtscanada.com\/wp-content\/uploads\/2025\/07\/Layout-Maritimo-M55.jpg?fit=700%2C705&amp;ssl=1\" class=\"alignnone size-medium wp-image-281035\" src=\"https:\/\/i0.wp.com\/itayachtscanada.com\/wp-content\/uploads\/2025\/07\/Layout-Maritimo-M55.jpg?resize=298%2C300&#038;ssl=1\" alt=\"\" width=\"298\" height=\"300\" srcset=\"https:\/\/i0.wp.com\/itayachtscanada.com\/wp-content\/uploads\/2025\/07\/Layout-Maritimo-M55.jpg?resize=298%2C300&amp;ssl=1 298w, https:\/\/i0.wp.com\/itayachtscanada.com\/wp-content\/uploads\/2025\/07\/Layout-Maritimo-M55.jpg?resize=1017%2C1024&amp;ssl=1 1017w, https:\/\/i0.wp.com\/itayachtscanada.com\/wp-content\/uploads\/2025\/07\/Layout-Maritimo-M55.jpg?resize=150%2C150&amp;ssl=1 150w, https:\/\/i0.wp.com\/itayachtscanada.com\/wp-content\/uploads\/2025\/07\/Layout-Maritimo-M55.jpg?resize=768%2C773&amp;ssl=1 768w, https:\/\/i0.wp.com\/itayachtscanada.com\/wp-content\/uploads\/2025\/07\/Layout-Maritimo-M55.jpg?resize=60%2C60&amp;ssl=1 60w, https:\/\/i0.wp.com\/itayachtscanada.com\/wp-content\/uploads\/2025\/07\/Layout-Maritimo-M55.jpg?resize=80%2C80&amp;ssl=1 80w, https:\/\/i0.wp.com\/itayachtscanada.com\/wp-content\/uploads\/2025\/07\/Layout-Maritimo-M55.jpg?resize=700%2C705&amp;ssl=1 700w, https:\/\/i0.wp.com\/itayachtscanada.com\/wp-content\/uploads\/2025\/07\/Layout-Maritimo-M55.jpg?resize=100%2C100&amp;ssl=1 100w, https:\/\/i0.wp.com\/itayachtscanada.com\/wp-content\/uploads\/2025\/07\/Layout-Maritimo-M55.jpg?resize=397%2C400&amp;ssl=1 397w, https:\/\/i0.wp.com\/itayachtscanada.com\/wp-content\/uploads\/2025\/07\/Layout-Maritimo-M55.jpg?resize=50%2C50&amp;ssl=1 50w, https:\/\/i0.wp.com\/itayachtscanada.com\/wp-content\/uploads\/2025\/07\/Layout-Maritimo-M55.jpg?w=1216&amp;ssl=1 1216w\" sizes=\"auto, (max-width: 298px) 100vw, 298px\" \/><\/div>\n<div><\/div>\n<div><\/div>\n<div><\/div>\n<div>\n<div class=\"jetpack-video-wrapper\"><span class=\"embed-youtube\" style=\"text-align:center; display: block;\"><iframe loading=\"lazy\" class=\"youtube-player\" width=\"700\" height=\"394\" src=\"https:\/\/www.youtube.com\/embed\/HOFn_YDMCU8?version=3&#038;rel=1&#038;showsearch=0&#038;showinfo=1&#038;iv_load_policy=1&#038;fs=1&#038;hl=fr-FR&#038;autohide=2&#038;wmode=transparent\" allowfullscreen=\"true\" style=\"border:0;\" sandbox=\"allow-scripts allow-same-origin allow-popups allow-presentation allow-popups-to-escape-sandbox\"><\/iframe><\/span><\/div>\n<div class=\"jetpack-video-wrapper\"><span class=\"embed-youtube\" style=\"text-align:center; display: block;\"><iframe loading=\"lazy\" class=\"youtube-player\" width=\"700\" height=\"394\" src=\"https:\/\/www.youtube.com\/embed\/gpVvK7OasAg?version=3&#038;rel=1&#038;showsearch=0&#038;showinfo=1&#038;iv_load_policy=1&#038;fs=1&#038;hl=fr-FR&#038;autohide=2&#038;wmode=transparent\" allowfullscreen=\"true\" style=\"border:0;\" sandbox=\"allow-scripts allow-same-origin allow-popups allow-presentation allow-popups-to-escape-sandbox\"><\/iframe><\/span><\/div>\n<p><strong>\u00a0<\/strong><\/p>\n<p>&nbsp;<\/p>\n<p><strong>Ita Yachts Canada propose de vous assister et de voir \u00e0 vos int\u00e9r\u00eats pour l\u2019achat de ce yacht qui est \u00e0 vendre par une autre organisation. Nous serons pr\u00e9sents lors de l\u2019inspection et tout au long de la transaction et ce peu importe sa localisation. L\u2019\u00e9quipe d\u2019Ita Yachts Canada se soumet au plus haut standard d\u2019\u00e9thique.<\/strong><\/p>\n<p>&nbsp;<\/p>\n<p>\u00c9quipement \u00e9lectrique<br \/>\n&#8211; G\u00e9n\u00e9rateur<br \/>\n&#8211; Onduleur<br \/>\n&#8211; Prise de courant de quai<\/p>\n<p>&nbsp;<\/p>\n<p>\u00c9lectronique<br \/>\n&#8211; AIS<br \/>\n&#8211; Pilote automatique<br \/>\n&#8211; Haut-parleurs du cockpit<br \/>\n&#8211; Compas<br \/>\n&#8211; Sondeur<br \/>\n&#8211; TV \u00e9cran plat<br \/>\n&#8211; GPS<br \/>\n&#8211; Centre de navigation<br \/>\n&#8211; Radar<br \/>\n&#8211; Radio<br \/>\n&#8211; T\u00e9l\u00e9viseur<br \/>\n&#8211; VHF<\/p>\n<p>&nbsp;<\/p>\n<p>Equipement int\u00e9rieur<br \/>\n&#8211; Climatisation<br \/>\n&#8211; Chargeur de batterie<br \/>\n&#8211; Propulseur d&rsquo;\u00e9trave<br \/>\n&#8211; Lave-vaisselle<br \/>\n&#8211; Pompe de cale \u00e9lectrique<br \/>\n&#8211; Chauffage<br \/>\n&#8211; Eau chaude<br \/>\n&#8211; Toilette de bateau<br \/>\n&#8211; Four \u00e0 micro-ondes<br \/>\n&#8211; Four<br \/>\n&#8211; R\u00e9frig\u00e9rateur<br \/>\n&#8211; Propulseur de poupe<br \/>\n&#8211; Machine \u00e0 laver<\/p>\n<p>&nbsp;<\/p>\n<p>\u00c9quipement ext\u00e9rieur\/extras<br \/>\n&#8211; Douche de cockpit<br \/>\n&#8211; \u00c9chelle de bain<br \/>\n&#8211; Cockpit en teck<\/p>\n<\/div>\n<div><\/div>\n<div>\n<p>&nbsp;<\/p>\n<p><strong><span style=\"color: black;\">AVIS DE NON-RESPONSABILIT\u00c9<\/span><\/strong><\/p>\n<p><strong><span style=\"color: black; font-weight: normal;\">Le bateau qui est pr\u00e9sent\u00e9 sur cette page, l\u2019est uniquement \u00e0 titre d\u2019information et n\u2019est pas n\u00e9cessairement toujours disponible \u00e0 la vente et\/ou \u00e0 la location.<\/span><\/strong><span class=\"apple-converted-space\"><b><span style=\"color: black;\">\u00a0<\/span><\/b><\/span><strong><span style=\"color: black; font-weight: normal;\">Ce bateau est peut-\u00eatre offert sous r\u00e9serve, il faut v\u00e9rifier sa disponibilit\u00e9.<\/span><\/strong><span class=\"apple-converted-space\"><b><span style=\"color: black;\">\u00a0<\/span><\/b><\/span><strong><span style=\"color: black; font-weight: normal;\">\u00a0Ce document ou cette annonce n\u2019est pas contractuel. Les informations sur les bateaux affich\u00e9es dans les r\u00e9sultats ci-dessus sont pr\u00e9sent\u00e9es en toute bonne foi et, bien qu\u2019elles soient consid\u00e9r\u00e9es comme correctes, elles ne sont pas garanties. Ita Yachts Canada ne garantit pas et n\u2019assume aucune responsabilit\u00e9 l\u00e9gale ou responsabilit\u00e9 pour l\u2019exactitude, l\u2019exhaustivit\u00e9 ou l\u2019utilit\u00e9 des informations et\/ou des images affich\u00e9es, car elles peuvent ne pas \u00eatre \u00e0 jour ou encore \u00eatres des images d\u2019un bateau comparable. Toutes les informations sur les bateaux peuvent \u00eatre modifi\u00e9es sans pr\u00e9avis et sont sans garantie.<\/span><\/strong><span class=\"apple-converted-space\"><b><span style=\"color: black;\">\u00a0<\/span><\/b><\/span><strong><span style=\"color: black; font-weight: normal;\">Ce bateau est peut-\u00eatre offert par un autre courtier ouvert au co-courtage (co-brokerage).<\/span><\/strong><\/p>\n<p>&nbsp;<\/p>\n<div data-test='contact-form'\n\t\t\tid='contact-form-280938'\n\t\t\tclass='jetpack-contact-form-container '\n\t\t\tdata-wp-interactive='jetpack\/form' data-wp-context='{\"formId\":\"280938\",\"formHash\":\"81d3ba366e81da9e57fbd4dcd04203906135c293\",\"showErrors\":false,\"errors\":[],\"fields\":[],\"isMultiStep\":false,\"useAjax\":false,\"submissionData\":null,\"formattedSubmissionData\":[],\"submissionSuccess\":false,\"submissionError\":null,\"elementId\":\"jp-form-81d3ba366e81da9e57fbd4dcd04203906135c293\",\"isSingleInputForm\":false,\"isForcedHorizontal\":false}'\n\t\t\tdata-wp-watch--scroll-to-wrapper=\"callbacks.scrollToWrapper\"\n\t\t>\n<div class=\"contact-form-submission contact-form-ajax-submission\" data-wp-bind--aria-hidden=\"state.isSuccessMessageAriaHidden\" data-wp-class--submission-success=\"context.submissionSuccess\" id=\"contact-form-success-81d3ba366e81da9e57fbd4dcd04203906135c293\" tabindex=\"-1\" aria-labelledby=\"contact-form-success-header-81d3ba366e81da9e57fbd4dcd04203906135c293\"><p class=\"go-back-message\"><a class=\"link\" role=\"button\" tabindex=\"0\" data-wp-on--click=\"actions.goBack\" href=\"\/fr\/wp-json\/wp\/v2\/listing\/280938\">\u2190 Retour<\/a><\/p><h4 data-wp-bind--aria-hidden=\"state.isSuccessMessageAriaHidden\" id=\"contact-form-success-header-81d3ba366e81da9e57fbd4dcd04203906135c293\">Merci pour votre r\u00e9ponse. \u2728<\/h4>\n\n<template data-wp-each--submission=\"context.formattedSubmissionData\">\n\t\t\t\t\t<div class=\"jetpack_forms_contact-form-success-summary\">\n\t\t\t\t\t\t<div class=\"field-name-wrapper\">\n\t\t\t\t\t\t\t<div class=\"field-type-icon\" data-wp-watch=\"callbacks.watchFieldTypeIcon\"><\/div>\n\t\t\t\t\t\t\t<div class=\"field-name\" data-wp-text=\"context.submission.label\" data-wp-bind--hidden=\"!context.submission.label\"><\/div>\n\t\t\t\t\t\t<\/div>\n\t\t\t\t\t\t<div class=\"field-value\" data-wp-text=\"context.submission.value\" data-wp-bind--hidden=\"!context.submission.showPlainValue\"><\/div>\n\t\t\t\t\t\t<a class=\"field-url\" data-wp-bind--href=\"context.submission.url\" data-wp-text=\"context.submission.value\" data-wp-bind--hidden=\"!context.submission.url\" target=\"_blank\" rel=\"noopener noreferrer\"><\/a>\n\t\t\t\t\t\t<div class=\"field-rating\" data-wp-bind--hidden=\"!context.submission.rating\" data-wp-watch=\"callbacks.watchRatingIcons\"><\/div>\n\t\t\t\t\t\t<div class=\"field-images\" data-wp-bind--hidden=\"!context.submission.images\">\n\t\t\t\t\t\t\t<template data-wp-each--image=\"context.submission.images\">\n\t\t\t\t\t\t\t\t<div class=\"field-image-option\" data-wp-class--is-empty=\"!context.image.src\">\n\t\t\t\t\t\t\t\t\t<figure class=\"field-image-option__image\" data-wp-class--is-empty=\"!context.image.src\">\n\t\t\t\t\t\t\t\t\t\t<img data-wp-bind--src=\"context.image.src\" data-wp-bind--hidden=\"!context.image.src\" \/>\n\t\t\t\t\t\t\t\t\t\t<img decoding=\"async\" src=\"data:image\/gif;base64,R0lGODlhAQABAAD\/ACwAAAAAAQABAAACADs=\" data-wp-bind--hidden=\"context.image.src\" \/>\n\t\t\t\t\t\t\t\t\t<\/figure>\n\t\t\t\t\t\t\t\t\t<div class=\"field-image-option__label-wrapper\">\n\t\t\t\t\t\t\t\t\t\t<span class=\"field-image-option__label-code\" data-wp-text=\"context.image.letterCode\"><\/span>\n\t\t\t\t\t\t\t\t\t\t<span class=\"field-image-option__label\" data-wp-text=\"context.image.label\" data-wp-bind--hidden=\"!context.image.label\"><\/span>\n\t\t\t\t\t\t\t\t\t<\/div>\n\t\t\t\t\t\t\t\t<\/div>\n\t\t\t\t\t\t\t<\/template>\n\t\t\t\t\t\t<\/div>\n\t\t\t\t\t\t<div class=\"field-files\" data-wp-bind--hidden=\"!context.submission.files\">\n\t\t\t\t\t\t\t<template data-wp-each--file=\"context.submission.files\">\n\t\t\t\t\t\t\t\t<div class=\"field-file\">\n\t\t\t\t\t\t\t\t\t<div class=\"field-file__thumbnail\" data-wp-style--background-image=\"context.file.previewUrl\" data-wp-style--mask-image=\"context.file.iconUrl\" data-wp-bind--hidden=\"!context.file.hasPreview\"><\/div>\n\t\t\t\t\t\t\t\t\t<svg class=\"field-file__icon\" data-wp-bind--hidden=\"context.file.hasPreview\" width=\"20\" height=\"20\" viewBox=\"0 0 24 24\" fill=\"none\" xmlns=\"http:\/\/www.w3.org\/2000\/svg\" aria-hidden=\"true\">\n\t\t\t\t\t\t\t\t\t\t<path d=\"M14 2H6C4.9 2 4 2.9 4 4V20C4 21.1 4.89 22 5.99 22H18C19.1 22 20 21.1 20 20V8L14 2ZM18 20H6V4H13V9H18V20Z\" fill=\"currentColor\"\/>\n\t\t\t\t\t\t\t\t\t<\/svg>\n\t\t\t\t\t\t\t\t\t<span class=\"field-file__name\" data-wp-text=\"context.file.name\"><\/span>\n\t\t\t\t\t\t\t\t\t<span class=\"field-file__size\" data-wp-text=\"context.file.size\"><\/span>\n\t\t\t\t\t\t\t\t<\/div>\n\t\t\t\t\t\t\t<\/template>\n\t\t\t\t\t\t<\/div>\n\t\t\t\t\t<\/div>\n\t\t\t\t<\/template><\/div><form action='https:\/\/itayachtscanada.com\/fr\/listing\/maritimo-m55-2024-2890000-usd-for-sale\/'\n\t\t\t\tid='jp-form-81d3ba366e81da9e57fbd4dcd04203906135c293'\n\t\t\t\tmethod='post'\n\t\t\t\tclass='contact-form commentsblock jetpack-contact-form__form has-no-jetpack-form-layout' aria-label=\"{:en}Maritimo M55 2024 $2,490,000 usd for sale{:}{:fr}Maritimo M55 2024 $2,490,000 usd \u00e0 vendre{:}\"\n\t\t\t\tdata-wp-on--submit=\"actions.onFormSubmit\"\n\t\t\t\tdata-wp-on--reset=\"actions.onFormReset\"\n\t\t\t\tdata-wp-class--submission-success=\"context.submissionSuccess\"\n\t\t\t\tdata-wp-class--is-first-step=\"state.isFirstStep\"\n\t\t\t\tdata-wp-class--is-last-step=\"state.isLastStep\"\n\t\t\t\tdata-wp-class--is-ajax-form=\"context.useAjax\"\n\t\t\t\tnovalidate >\n<input type='hidden' name='jetpack_contact_form_jwt' value='eyJ0eXAiOiJKV1QiLCJhbGciOiJIUzI1NiJ9.eyJlbmNyeXB0ZWRfYXR0cmlidXRlcyI6IlB1KzZYT21uVEpkWkNIV1BjR3Jyb25vc1RDT0RyY1pqU0lqVTdzaDI1aDhTRjMwdlUvNXh3Z0FGMktvazRLRnVQVmlBZWFmdjRWWFZZYmxBRzVVbEpHeExWVVR1SHJSWEQxb2hIeEhDNGhaVkd0eHVMS0tWQThDRFJVY1lhYlpBOEhPejJ0QWMvemdxS3JmUXBKM2Y4QSt0M1B5QUdxQTNwNDBFOG1XNU02RmEvL01IdnE1T1Z2Y2Q1bjNkTTJ4TVgrMWlsYVdSNFdBSE1ZNHdzMUNVTjBXQmNBNCtKbU03bmRkS1RZL3Y0UmJPaFl4bnpDRjZWeG9SZmMxcFpySkM5UGl6aE0zaElBc010TE9STnVZdUZhQU1YbnNtdWJiVXFINnFzeUR2TDRzVnRkUUg1OXlBTzhSUWV5TjdXclVsSDZUYVY5a25zdnBMa05zUjJQRGtpVEYreU5GLytXKzhyYmRzaThWOGMyRVh5SEVLbTViVFNUa0dwUzVNZ1E3ZitlTDJidThNSkdseGRjOCtnSVJsTDNJMU5IT2ZtTVFvTVZFZ1loYWx3Sk9lNmJreVR3aDl4ZFN2Y2o0dnBvcG1kOXNuRTAvNzZ6Mnl0cEsrVzBRTEhIUG1lRm5sOXJTaE9zQnhrdnVyeTBLbEdJQS9KSm42N3BBU0Qrd29acCtTckx1TUdNcjBHY2FaMGUxOEh3ek1zQXRsZHkwSzRzb1c4ZXExaC9yVk1Bd3NGWkdJdHlvYko2QVJlZmppWVNTUFpLODU3QXY5bWNKTzNPQXA5bnkybGdSSWlnMWswdkFNbTVkbHpIR1daMUhXMUQvMmJEbEZha2VTSHZnMFhiNGIzUU5pT2xUYks0NG5NNFpSU28wbzhTL3JodHZrR29xQmhnRHNFREJ6THpIUHlaOElFN2U0Wk15aTluMFhHcHlqZW5kMUs1Ris2RmkvZ2Q1UlVrU1h4Zm43U01kM29zb1QrZGhCQkY4dWVxakRNanh1R002cnRka3l5dVlXRi9UTXNJMzYvQnAvSlNybW82WEl2Tjc3bE16SmdaVlZNZlc4VEh5cWlzR0s3aEtqVjYwYlFiVm96S3FrNlpEZmdvWTBhaHRBSUUrR3NqTXQ2bmxHa2syZ0szdldCK0xBcUNJb29ocVIycThLODhCcDd6Ulc2WXJpdkEvaE5zOWkzN2hiTVY0RDluMWs1K2hGN2c5UGxwbXpETGFXdERqWk1zaWlEck1hUytLeXVGTFBmQWZyZUk3V0NEOEpTdGdmbjB2SmQvb0NoejlyQ2Z0RC9lQ3MiLCJjb250ZW50IjoiW2NvbnRhY3QtZmllbGQgbGFiZWw9XCJOb206XCIgdHlwZT1cIm5hbWVcIiByZXF1aXJlZD1cIjFcIl1bY29udGFjdC1maWVsZCBsYWJlbD1cIkUtbWFpbFwiIHR5cGU9XCJlbWFpbFwiIHJlcXVpcmVkPVwiMVwiXVtjb250YWN0LWZpZWxkIGxhYmVsPVwiQXUgc3VqZXQgZGUgY2UgeWFjaHQgOlwiIHR5cGU9XCJ0ZXh0XCJdW2NvbnRhY3QtZmllbGQgbGFiZWw9XCJNZXNzYWdlXCIgdHlwZT1cInRleHRhcmVhXCJdIiwiaGFzaCI6IjgxZDNiYTM2NmU4MWRhOWU1N2ZiZDRkY2QwNDIwMzkwNjEzNWMyOTMiLCJzb3VyY2UiOnsiZW50cnlfdGl0bGUiOiJNYXJpdGltbyBNNTUgMjAyNCAkMiw0OTAsMDAwIHVzZCBcdTAwZTAgdmVuZHJlIiwiZW50cnlfcGFnZSI6MSwic291cmNlX2lkIjoyODA5MzgsInNvdXJjZV90eXBlIjoic2luZ2xlIiwicmVxdWVzdF91cmwiOiJodHRwczovL2l0YXlhY2h0c2NhbmFkYS5jb20vZnIvd3AtanNvbi93cC92Mi9saXN0aW5nLzI4MDkzOCJ9LCJ2ZXJzaW9uIjoyLCJjaXBoZXIiOiJhZXMtMjU2LWdjbSJ9.UQadlQrS4rZX6KLijy1Tdxk5eDl2MvRt9gXNM_2fL2Y' \/>\n\n<div style=\"\"  data-wp-interactive=\"jetpack\/form\" data-wp-context='{\"fieldId\":\"g280938-nom\",\"fieldType\":\"name\",\"fieldLabel\":\"Nom:\",\"fieldValue\":\"\",\"fieldPlaceholder\":\"\",\"fieldIsRequired\":\"1\",\"fieldErrorMessage\":\"\",\"fieldExtra\":[],\"formHash\":\"81d3ba366e81da9e57fbd4dcd04203906135c293\"}'  class='grunion-field-name-wrap grunion-field-wrap'  data-wp-init='callbacks.initializeField' data-wp-on--jetpack-form-reset='callbacks.initializeField' >\n<label\n\t\t\t\tfor='g280938-nom' class=\"grunion-field-label name\" >Nom:<span class=\"grunion-label-required\" aria-hidden=\"true\">(obligatoire)<\/span><\/label>\n<input\n\t\t\t\t\ttype='text'\n\t\t\t\t\tname='g280938-nom'\n\t\t\t\t\tid='g280938-nom'\n\t\t\t\t\tvalue=''\n\n\t\t\t\t\tdata-wp-bind--aria-invalid='state.fieldAriaInvalid'\n\t\t\t\t\tdata-wp-bind--value='state.getFieldValue'\n\t\t\t\t\taria-describedby='g280938-nom-text-error-message'\n\t\t\t\t\tdata-wp-on--input='actions.onFieldChange'\n\t\t\t\t\tdata-wp-on--blur='actions.onFieldBlur'\n\t\t\t\t\tdata-wp-class--has-value='state.hasFieldValue'\n\n\t\t\t\t\tclass='name  grunion-field' \n\t\t\t\t\trequired='true' aria-required='true'  \/>\n \n\t\t\t<div id=\"g280938-nom-text-error\" class=\"contact-form__input-error\" data-wp-class--has-errors=\"state.fieldHasErrors\">\n\t\t\t\t<span class=\"contact-form__warning-icon\" aria-hidden=\"true\">\n\t\t\t\t\t<svg width=\"16\" height=\"16\" viewBox=\"0 0 16 16\" fill=\"none\" xmlns=\"http:\/\/www.w3.org\/2000\/svg\">\n\t\t\t\t\t\t<path d=\"M8.50015 11.6402H7.50015V10.6402H8.50015V11.6402Z\" \/>\n\t\t\t\t\t\t<path d=\"M7.50015 9.64018H8.50015V6.30684H7.50015V9.64018Z\" \/>\n\t\t\t\t\t\t<path fill-rule=\"evenodd\" clip-rule=\"evenodd\" d=\"M6.98331 3.0947C7.42933 2.30177 8.57096 2.30177 9.01698 3.09469L13.8771 11.7349C14.3145 12.5126 13.7525 13.4735 12.8602 13.4735H3.14004C2.24774 13.4735 1.68575 12.5126 2.12321 11.7349L6.98331 3.0947ZM8.14541 3.58496C8.08169 3.47168 7.9186 3.47168 7.85488 3.58496L2.99478 12.2251C2.93229 12.3362 3.01257 12.4735 3.14004 12.4735H12.8602C12.9877 12.4735 13.068 12.3362 13.0055 12.2251L8.14541 3.58496Z\" \/>\n\t\t\t\t\t<\/svg>\n\t\t\t\t<\/span>\n\t\t\t\t<span data-wp-text=\"state.errorMessage\" id=\"g280938-nom-text-error-message\"><\/span>\n\t\t\t<\/div> \n\t<\/div>\n\n<div style=\"\"  data-wp-interactive=\"jetpack\/form\" data-wp-context='{\"fieldId\":\"g280938-email\",\"fieldType\":\"email\",\"fieldLabel\":\"E-mail\",\"fieldValue\":\"\",\"fieldPlaceholder\":\"\",\"fieldIsRequired\":\"1\",\"fieldErrorMessage\":\"\",\"fieldExtra\":[],\"formHash\":\"81d3ba366e81da9e57fbd4dcd04203906135c293\"}'  class='grunion-field-email-wrap grunion-field-wrap'  data-wp-init='callbacks.initializeField' data-wp-on--jetpack-form-reset='callbacks.initializeField' >\n<label\n\t\t\t\tfor='g280938-email' class=\"grunion-field-label email\" >E-mail<span class=\"grunion-label-required\" aria-hidden=\"true\">(obligatoire)<\/span><\/label>\n<input\n\t\t\t\t\ttype='email'\n\t\t\t\t\tname='g280938-email'\n\t\t\t\t\tid='g280938-email'\n\t\t\t\t\tvalue=''\n\n\t\t\t\t\tdata-wp-bind--aria-invalid='state.fieldAriaInvalid'\n\t\t\t\t\tdata-wp-bind--value='state.getFieldValue'\n\t\t\t\t\taria-describedby='g280938-email-email-error-message'\n\t\t\t\t\tdata-wp-on--input='actions.onFieldChange'\n\t\t\t\t\tdata-wp-on--blur='actions.onFieldBlur'\n\t\t\t\t\tdata-wp-class--has-value='state.hasFieldValue'\n\n\t\t\t\t\tclass='email  grunion-field' \n\t\t\t\t\trequired='true' aria-required='true'  \/>\n \n\t\t\t<div id=\"g280938-email-email-error\" class=\"contact-form__input-error\" data-wp-class--has-errors=\"state.fieldHasErrors\">\n\t\t\t\t<span class=\"contact-form__warning-icon\" aria-hidden=\"true\">\n\t\t\t\t\t<svg width=\"16\" height=\"16\" viewBox=\"0 0 16 16\" fill=\"none\" xmlns=\"http:\/\/www.w3.org\/2000\/svg\">\n\t\t\t\t\t\t<path d=\"M8.50015 11.6402H7.50015V10.6402H8.50015V11.6402Z\" \/>\n\t\t\t\t\t\t<path d=\"M7.50015 9.64018H8.50015V6.30684H7.50015V9.64018Z\" \/>\n\t\t\t\t\t\t<path fill-rule=\"evenodd\" clip-rule=\"evenodd\" d=\"M6.98331 3.0947C7.42933 2.30177 8.57096 2.30177 9.01698 3.09469L13.8771 11.7349C14.3145 12.5126 13.7525 13.4735 12.8602 13.4735H3.14004C2.24774 13.4735 1.68575 12.5126 2.12321 11.7349L6.98331 3.0947ZM8.14541 3.58496C8.08169 3.47168 7.9186 3.47168 7.85488 3.58496L2.99478 12.2251C2.93229 12.3362 3.01257 12.4735 3.14004 12.4735H12.8602C12.9877 12.4735 13.068 12.3362 13.0055 12.2251L8.14541 3.58496Z\" \/>\n\t\t\t\t\t<\/svg>\n\t\t\t\t<\/span>\n\t\t\t\t<span data-wp-text=\"state.errorMessage\" id=\"g280938-email-email-error-message\"><\/span>\n\t\t\t<\/div> \n\t<\/div>\n\n<div style=\"\"  data-wp-interactive=\"jetpack\/form\" data-wp-context='{\"fieldId\":\"g280938-ausujetdeceyacht\",\"fieldType\":\"text\",\"fieldLabel\":\"Au sujet de ce yacht :\",\"fieldValue\":\"\",\"fieldPlaceholder\":\"\",\"fieldIsRequired\":\"\",\"fieldErrorMessage\":\"\",\"fieldExtra\":[],\"formHash\":\"81d3ba366e81da9e57fbd4dcd04203906135c293\"}'  class='grunion-field-text-wrap grunion-field-wrap'  data-wp-init='callbacks.initializeField' data-wp-on--jetpack-form-reset='callbacks.initializeField' >\n<label\n\t\t\t\tfor='g280938-ausujetdeceyacht' class=\"grunion-field-label text\" >Au sujet de ce yacht :<\/label>\n<input\n\t\t\t\t\ttype='text'\n\t\t\t\t\tname='g280938-ausujetdeceyacht'\n\t\t\t\t\tid='g280938-ausujetdeceyacht'\n\t\t\t\t\tvalue=''\n\n\t\t\t\t\tdata-wp-bind--aria-invalid='state.fieldAriaInvalid'\n\t\t\t\t\tdata-wp-bind--value='state.getFieldValue'\n\t\t\t\t\taria-describedby='g280938-ausujetdeceyacht-text-error-message'\n\t\t\t\t\tdata-wp-on--input='actions.onFieldChange'\n\t\t\t\t\tdata-wp-on--blur='actions.onFieldBlur'\n\t\t\t\t\tdata-wp-class--has-value='state.hasFieldValue'\n\n\t\t\t\t\tclass='text  grunion-field' \n\t\t\t\t\t \/>\n \n\t\t\t<div id=\"g280938-ausujetdeceyacht-text-error\" class=\"contact-form__input-error\" data-wp-class--has-errors=\"state.fieldHasErrors\">\n\t\t\t\t<span class=\"contact-form__warning-icon\" aria-hidden=\"true\">\n\t\t\t\t\t<svg width=\"16\" height=\"16\" viewBox=\"0 0 16 16\" fill=\"none\" xmlns=\"http:\/\/www.w3.org\/2000\/svg\">\n\t\t\t\t\t\t<path d=\"M8.50015 11.6402H7.50015V10.6402H8.50015V11.6402Z\" \/>\n\t\t\t\t\t\t<path d=\"M7.50015 9.64018H8.50015V6.30684H7.50015V9.64018Z\" \/>\n\t\t\t\t\t\t<path fill-rule=\"evenodd\" clip-rule=\"evenodd\" d=\"M6.98331 3.0947C7.42933 2.30177 8.57096 2.30177 9.01698 3.09469L13.8771 11.7349C14.3145 12.5126 13.7525 13.4735 12.8602 13.4735H3.14004C2.24774 13.4735 1.68575 12.5126 2.12321 11.7349L6.98331 3.0947ZM8.14541 3.58496C8.08169 3.47168 7.9186 3.47168 7.85488 3.58496L2.99478 12.2251C2.93229 12.3362 3.01257 12.4735 3.14004 12.4735H12.8602C12.9877 12.4735 13.068 12.3362 13.0055 12.2251L8.14541 3.58496Z\" \/>\n\t\t\t\t\t<\/svg>\n\t\t\t\t<\/span>\n\t\t\t\t<span data-wp-text=\"state.errorMessage\" id=\"g280938-ausujetdeceyacht-text-error-message\"><\/span>\n\t\t\t<\/div> \n\t<\/div>\n\n<div style=\"\"  data-wp-interactive=\"jetpack\/form\" data-wp-context='{\"fieldId\":\"g280938-message\",\"fieldType\":\"textarea\",\"fieldLabel\":\"Message\",\"fieldValue\":\"\",\"fieldPlaceholder\":\"\",\"fieldIsRequired\":\"\",\"fieldErrorMessage\":\"\",\"fieldExtra\":[],\"formHash\":\"81d3ba366e81da9e57fbd4dcd04203906135c293\"}'  class='grunion-field-textarea-wrap grunion-field-wrap'  data-wp-init='callbacks.initializeField' data-wp-on--jetpack-form-reset='callbacks.initializeField' >\n<label\n\t\t\t\tfor='contact-form-comment-g280938-message' class=\"grunion-field-label textarea\" >Message<\/label>\n<textarea\n\t\t                style=''\n\t\t                name='g280938-message'\n\t\t                id='contact-form-comment-g280938-message'\n\t\t                rows='20'\n\t\t\t\t\t\tdata-wp-text='state.getFieldValue'\n\t\t\t\t\t\tdata-wp-on--input='actions.onFieldChange'\n\t\t\t\t\t\tdata-wp-on--blur='actions.onFieldBlur'\n\t\t\t\t\t\tdata-wp-class--has-value='state.hasFieldValue'\n\t\t\t\t\t\taria-describedby='g280938-message-textarea-error-message'\n\t\t\t\t\t\tdata-wp-bind--aria-invalid='state.fieldAriaInvalid'\n\t\t\t\t\t\tclass='textarea  grunion-field'  ><\/textarea>\n \n\t\t\t<div id=\"g280938-message-textarea-error\" class=\"contact-form__input-error\" data-wp-class--has-errors=\"state.fieldHasErrors\">\n\t\t\t\t<span class=\"contact-form__warning-icon\" aria-hidden=\"true\">\n\t\t\t\t\t<svg width=\"16\" height=\"16\" viewBox=\"0 0 16 16\" fill=\"none\" xmlns=\"http:\/\/www.w3.org\/2000\/svg\">\n\t\t\t\t\t\t<path d=\"M8.50015 11.6402H7.50015V10.6402H8.50015V11.6402Z\" \/>\n\t\t\t\t\t\t<path d=\"M7.50015 9.64018H8.50015V6.30684H7.50015V9.64018Z\" \/>\n\t\t\t\t\t\t<path fill-rule=\"evenodd\" clip-rule=\"evenodd\" d=\"M6.98331 3.0947C7.42933 2.30177 8.57096 2.30177 9.01698 3.09469L13.8771 11.7349C14.3145 12.5126 13.7525 13.4735 12.8602 13.4735H3.14004C2.24774 13.4735 1.68575 12.5126 2.12321 11.7349L6.98331 3.0947ZM8.14541 3.58496C8.08169 3.47168 7.9186 3.47168 7.85488 3.58496L2.99478 12.2251C2.93229 12.3362 3.01257 12.4735 3.14004 12.4735H12.8602C12.9877 12.4735 13.068 12.3362 13.0055 12.2251L8.14541 3.58496Z\" \/>\n\t\t\t\t\t<\/svg>\n\t\t\t\t<\/span>\n\t\t\t\t<span data-wp-text=\"state.errorMessage\" id=\"g280938-message-textarea-error-message\"><\/span>\n\t\t\t<\/div>\n\t<\/div>\n\t<p class='contact-submit'>\n<div class=\"contact-form__error\" data-wp-class--show-errors=\"state.showFormErrors\"><span class=\"contact-form__warning-icon\" aria-hidden=\"true\"><i><\/i><\/span><span class=\"contact-form__error-message\" tabindex=\"-1\" data-wp-watch=\"callbacks.focusOnValidationError\" data-wp-text=\"state.getFormErrorMessage\"><\/span><ul aria-label=\"Erreurs de formulaire\">\n\t\t\t\t<template data-wp-each=\"state.getErrorList\" data-wp-key=\"context.item.id\">\n\t\t\t\t\t<li><a data-wp-bind--href=\"context.item.anchor\" data-wp-on--click=\"actions.scrollIntoView\" data-wp-text=\"context.item.label\"><\/a><\/li>\n\t\t\t\t<\/template>\n\t\t\t\t<\/ul><\/div><div class=\"contact-form__error\" data-wp-class--show-errors=\"state.showSubmissionError\" data-wp-text=\"context.submissionError\" tabindex=\"-1\" data-wp-watch=\"callbacks.focusOnSubmissionError\"><\/div>\t\t<button type='submit' class='pushbutton-wide'>Envoyer<\/button>\t\t<input type='hidden' name='contact-form-id' value='280938' \/>\n\t\t<input type='hidden' name='action' value='grunion-contact-form' \/>\n\t\t<input type='hidden' name='contact-form-hash' value='81d3ba366e81da9e57fbd4dcd04203906135c293' \/>\n\t<\/p>\n<p style=\"display: none !important;\" class=\"akismet-fields-container\" data-prefix=\"ak_\"><label>&#916;<textarea name=\"ak_hp_textarea\" cols=\"45\" rows=\"8\" maxlength=\"100\"><\/textarea><\/label><input type=\"hidden\" id=\"ak_js_1\" name=\"ak_js\" value=\"71\"\/><script type=\"text\/javascript\">\n\/* <![CDATA[ *\/\ndocument.getElementById( \"ak_js_1\" ).setAttribute( \"value\", ( new Date() ).getTime() );\n\/* ]]> *\/\n<\/script>\n<\/p><\/form>\n<\/div>\n<\/div>\n<div><\/div>\n<div><\/div>\n<div><\/div>\n<\/div>\n<\/div>\n<\/div>\n<\/div>\n<\/div>\n<\/div>\n<\/div>\n<\/div>\n","protected":false},"excerpt":{"rendered":"<p>OFF MARKET (retir\u00e9 de la vente) Maritimo M55 2024 $2,490,000 usd \u00e0 vendre Un de plus est un exemple incroyable d&rsquo;un bateau d&rsquo;eau douce (pr\u00e8s de la baie Georgienne, Ontario) bien con\u00e7u et bien entretenu de notre mod\u00e8le de yacht le plus populaire. Ses propri\u00e9taires sont m\u00e9ticuleusement fiers de leur bateau et cela se voit. &hellip; <a href=\"https:\/\/itayachtscanada.com\/fr\/listing\/maritimo-m55-2024-2890000-usd-for-sale\/\" class=\"more-link\">Lire la suite <span class=\"screen-reader-text\">Maritimo M55 2024 $2,490,000 usd \u00e0 vendre<\/span> <span class=\"meta-nav\">&rarr;<\/span><\/a><\/p>\n","protected":false},"author":119081455,"featured_media":280942,"parent":0,"menu_order":0,"comment_status":"open","ping_status":"open","template":"","format":"standard","meta":{"_coblocks_attr":"","_coblocks_dimensions":"","_coblocks_responsive_height":"","_coblocks_accordion_ie_support":"","_lmt_disableupdate":"no","_lmt_disable":"no","advanced_seo_description":"","jetpack_seo_html_title":"","jetpack_seo_noindex":false,"footnotes":""},"manufacturer":[6806],"prix":[6728],"years":[7656],"length_feet":[6587],"boat_type":[6464],"price_range":[6580],"localisations":[],"numyacht":[10531],"datevente":[10530,10644,10855,11106,11218],"country":[10755],"states":[10783],"city":[10856],"fresh-water-boat":[10808],"broker":[],"migration":[10887],"class_list":["post-280938","listing","type-listing","status-publish","format-standard","has-post-thumbnail","hentry","manufacturer-maritimo","prix-6728","years-7656","length_feet-between-50-and-59-feets","boat_type-flybridge","price_range-1500000-2999999","numyacht-10531","datevente-2025-07-21","datevente-2025-09-16","datevente-2025-11-12","datevente-2026-01-08","datevente-2026-03-08","country-united-states","states-michigan","city-sault-ste-marie","fresh-water-boat-oui","migration-oui"],"translation":{"provider":"WPGlobus","version":"2.12.2","language":"fr","enabled_languages":["en","fr"],"languages":{"en":{"title":true,"content":true,"excerpt":false},"fr":{"title":true,"content":true,"excerpt":false}}},"jetpack_likes_enabled":true,"jetpack_sharing_enabled":true,"_links":{"self":[{"href":"https:\/\/itayachtscanada.com\/fr\/wp-json\/wp\/v2\/listing\/280938","targetHints":{"allow":["GET"]}}],"collection":[{"href":"https:\/\/itayachtscanada.com\/fr\/wp-json\/wp\/v2\/listing"}],"about":[{"href":"https:\/\/itayachtscanada.com\/fr\/wp-json\/wp\/v2\/types\/listing"}],"author":[{"embeddable":true,"href":"https:\/\/itayachtscanada.com\/fr\/wp-json\/wp\/v2\/users\/119081455"}],"replies":[{"embeddable":true,"href":"https:\/\/itayachtscanada.com\/fr\/wp-json\/wp\/v2\/comments?post=280938"}],"version-history":[{"count":20,"href":"https:\/\/itayachtscanada.com\/fr\/wp-json\/wp\/v2\/listing\/280938\/revisions"}],"predecessor-version":[{"id":300152,"href":"https:\/\/itayachtscanada.com\/fr\/wp-json\/wp\/v2\/listing\/280938\/revisions\/300152"}],"wp:featuredmedia":[{"embeddable":true,"href":"https:\/\/itayachtscanada.com\/fr\/wp-json\/wp\/v2\/media\/280942"}],"wp:attachment":[{"href":"https:\/\/itayachtscanada.com\/fr\/wp-json\/wp\/v2\/media?parent=280938"}],"wp:term":[{"taxonomy":"manufacturer","embeddable":true,"href":"https:\/\/itayachtscanada.com\/fr\/wp-json\/wp\/v2\/manufacturer?post=280938"},{"taxonomy":"prix","embeddable":true,"href":"https:\/\/itayachtscanada.com\/fr\/wp-json\/wp\/v2\/prix?post=280938"},{"taxonomy":"years","embeddable":true,"href":"https:\/\/itayachtscanada.com\/fr\/wp-json\/wp\/v2\/years?post=280938"},{"taxonomy":"length_feet","embeddable":true,"href":"https:\/\/itayachtscanada.com\/fr\/wp-json\/wp\/v2\/length_feet?post=280938"},{"taxonomy":"boat_type","embeddable":true,"href":"https:\/\/itayachtscanada.com\/fr\/wp-json\/wp\/v2\/boat_type?post=280938"},{"taxonomy":"price_range","embeddable":true,"href":"https:\/\/itayachtscanada.com\/fr\/wp-json\/wp\/v2\/price_range?post=280938"},{"taxonomy":"localisations","embeddable":true,"href":"https:\/\/itayachtscanada.com\/fr\/wp-json\/wp\/v2\/localisations?post=280938"},{"taxonomy":"numyacht","embeddable":true,"href":"https:\/\/itayachtscanada.com\/fr\/wp-json\/wp\/v2\/numyacht?post=280938"},{"taxonomy":"datevente","embeddable":true,"href":"https:\/\/itayachtscanada.com\/fr\/wp-json\/wp\/v2\/datevente?post=280938"},{"taxonomy":"country","embeddable":true,"href":"https:\/\/itayachtscanada.com\/fr\/wp-json\/wp\/v2\/country?post=280938"},{"taxonomy":"states","embeddable":true,"href":"https:\/\/itayachtscanada.com\/fr\/wp-json\/wp\/v2\/states?post=280938"},{"taxonomy":"city","embeddable":true,"href":"https:\/\/itayachtscanada.com\/fr\/wp-json\/wp\/v2\/city?post=280938"},{"taxonomy":"fresh-water-boat","embeddable":true,"href":"https:\/\/itayachtscanada.com\/fr\/wp-json\/wp\/v2\/fresh-water-boat?post=280938"},{"taxonomy":"broker","embeddable":true,"href":"https:\/\/itayachtscanada.com\/fr\/wp-json\/wp\/v2\/broker?post=280938"},{"taxonomy":"migration","embeddable":true,"href":"https:\/\/itayachtscanada.com\/fr\/wp-json\/wp\/v2\/migration?post=280938"}],"curies":[{"name":"wp","href":"https:\/\/api.w.org\/{rel}","templated":true}]}}