{"id":269035,"date":"2025-06-19T13:55:06","date_gmt":"2025-06-19T17:55:06","guid":{"rendered":"https:\/\/itayachtscanada.com\/?post_type=listing&#038;p=269035"},"modified":"2026-04-05T10:10:35","modified_gmt":"2026-04-05T14:10:35","slug":"princess-s62-2021-2299000-usd-for-sale","status":"publish","type":"listing","link":"https:\/\/itayachtscanada.com\/fr\/listing\/princess-s62-2021-2299000-usd-for-sale\/","title":{"rendered":"Princess S62 2021 $2,199,000 usd \u00e0 vendre"},"content":{"rendered":"<p><strong>Princess S62 2021 $2,199,000 usd \u00e0 vendre<\/strong><\/p>\n<p>Montez \u00e0 bord du superbe et tr\u00e8s fonctionnel Princess S62, o\u00f9 le luxe rencontre la performance. Ce yacht offre l&rsquo;\u00e9vasion parfaite &#8211; une oasis sur l&rsquo;eau, enti\u00e8rement cl\u00e9 en main et pr\u00eate pour votre prochaine aventure.<\/p>\n<p>Propuls\u00e9 par des MAN V8 1200 peu utilis\u00e9s, il est pr\u00eat \u00e0 vous offrir de nombreux voyages m\u00e9morables. Dot\u00e9 de la Collection Allure en option, ce S62 se distingue par un style int\u00e9rieur et ext\u00e9rieur am\u00e9lior\u00e9, un meilleur \u00e9clairage et des d\u00e9tails en teck raffin\u00e9s, tous con\u00e7us pour rehausser votre exp\u00e9rience \u00e0 bord.<\/p>\n<h3>Ce Princess S62 est situ\u00e9 en Floride, veuillez nous contacter au 514-521-1221 pour tous les d\u00e9tails concernant ce Princess Yachts S62, notre bureau est situ\u00e9 en banlieue de Montr\u00e9al.<\/h3>\n<p><a href=\"https:\/\/itayachtscanada.com\/fr\/virtuals_visits\/virtual-tour-princess-s62\/\">Cliquez ici<\/a> pour une visite virtuelle du Princess S62.<\/p>\n<p>Dimensions<br \/>\nLongueur hors tout : 62 pi<br \/>\nLargeur : 16 pi 6 po<br \/>\nTirant d&rsquo;eau minimum : 4 pi 10 po<br \/>\nPoids<br \/>\nPoids \u00e0 sec : 64575 lb<br \/>\nVitesse<br \/>\nVitesse de croisi\u00e8re : 28 kn \u00e0 tr\/min<br \/>\nVitesse de la coque : 34 kn \u00e0 tr\/min<br \/>\nR\u00e9servoirs<br \/>\nCarburant : 2 (429 gal)<br \/>\nEau douce : (132 gal)<br \/>\nLogement<br \/>\nCabines d&rsquo;invit\u00e9s : 3<br \/>\nSalles de bain d&rsquo;invit\u00e9s : 2<br \/>\nAutre<br \/>\nPavillon d&rsquo;immatriculation : Pologne<br \/>\nConcepteur : Princess<br \/>\nConstructeur : Princess<br \/>\nGuindeau : Guindeau \u00e9lectrique<br \/>\nTrim Tabs : Oui<\/p>\n<p>&nbsp;<\/p>\n<p>MOTEURS :<\/p>\n<p>2021 MAN V8 1200 (Moteur 1)<br \/>\nType de moteur : Inboard<br \/>\nType de carburant : Diesel<br \/>\nHeures du moteur : 510<br \/>\nPuissance : 1200 hp<\/p>\n<p>2021 MAN V8 1200 (Engine 2)<br \/>\nType de moteur : Inboard<br \/>\nType de carburant : Diesel<br \/>\nHeures de service : 510<br \/>\nPuissance : 1200 hp<\/p>\n<p>&nbsp;<\/p>\n<div class=\"html-content-description\">\n<div class=\"content-box\">\n<div class=\"column-container cols-3\">\n<div class=\"column\">\n<div class=\"column-item\">\n<div class=\"content-box\">\n<div class=\"column-container cols-3\">\n<div class=\"column\">\n<div class=\"column-item\">\n<div><\/div>\n<div>\n<div class=\"tiled-gallery type-rectangular tiled-gallery-unresized\" data-original-width=\"700\" data-carousel-extra='{&quot;blog_id&quot;:1,&quot;permalink&quot;:&quot;https:\\\/\\\/itayachtscanada.com\\\/fr\\\/listing\\\/princess-s62-2021-2299000-usd-for-sale\\\/&quot;,&quot;likes_blog_id&quot;:198557287}' itemscope itemtype=\"http:\/\/schema.org\/ImageGallery\" > <div class=\"gallery-row\" style=\"width: 700px; height: 310px;\" data-original-width=\"700\" data-original-height=\"310\" > <div class=\"gallery-group images-1\" style=\"width: 467px; height: 310px;\" data-original-width=\"467\" data-original-height=\"310\" > <div class=\"tiled-gallery-item tiled-gallery-item-large\" itemprop=\"associatedMedia\" itemscope itemtype=\"http:\/\/schema.org\/ImageObject\"> <a href=\"https:\/\/itayachtscanada.com\/fr\/listing\/princess-s62-2021-2299000-usd-for-sale\/capture-decran-le-2025-06-19-a-13-29-03\/\" border=\"0\" itemprop=\"url\"> <meta itemprop=\"width\" content=\"463\"> <meta itemprop=\"height\" content=\"306\"> <img decoding=\"async\" class=\"\" data-attachment-id=\"269044\" data-orig-file=\"https:\/\/itayachtscanada.com\/wp-content\/uploads\/2025\/06\/Capture-decran-le-2025-06-19-a-13.29.03.jpg\" data-orig-size=\"1456,962\" data-comments-opened=\"1\" data-image-meta=\"{&quot;aperture&quot;:&quot;0&quot;,&quot;credit&quot;:&quot;&quot;,&quot;camera&quot;:&quot;&quot;,&quot;caption&quot;:&quot;&quot;,&quot;created_timestamp&quot;:&quot;0&quot;,&quot;copyright&quot;:&quot;&quot;,&quot;focal_length&quot;:&quot;0&quot;,&quot;iso&quot;:&quot;0&quot;,&quot;shutter_speed&quot;:&quot;0&quot;,&quot;title&quot;:&quot;&quot;,&quot;orientation&quot;:&quot;0&quot;}\" data-image-title=\"Capture d\u2019e\u0301cran, le 2025-06-19 a\u0300 13.29.03\" data-image-description=\"\" data-medium-file=\"https:\/\/i0.wp.com\/itayachtscanada.com\/wp-content\/uploads\/2025\/06\/Capture-decran-le-2025-06-19-a-13.29.03.jpg?fit=300%2C198&#038;ssl=1\" data-large-file=\"https:\/\/i0.wp.com\/itayachtscanada.com\/wp-content\/uploads\/2025\/06\/Capture-decran-le-2025-06-19-a-13.29.03.jpg?fit=700%2C463&#038;ssl=1\" src=\"https:\/\/i0.wp.com\/itayachtscanada.com\/wp-content\/uploads\/2025\/06\/Capture-decran-le-2025-06-19-a-13.29.03.jpg?w=463&#038;h=306&#038;ssl=1\" srcset=\"https:\/\/i0.wp.com\/itayachtscanada.com\/wp-content\/uploads\/2025\/06\/Capture-decran-le-2025-06-19-a-13.29.03.jpg?w=1456&amp;ssl=1 1456w, https:\/\/i0.wp.com\/itayachtscanada.com\/wp-content\/uploads\/2025\/06\/Capture-decran-le-2025-06-19-a-13.29.03.jpg?resize=300%2C198&amp;ssl=1 300w, https:\/\/i0.wp.com\/itayachtscanada.com\/wp-content\/uploads\/2025\/06\/Capture-decran-le-2025-06-19-a-13.29.03.jpg?resize=1024%2C677&amp;ssl=1 1024w, https:\/\/i0.wp.com\/itayachtscanada.com\/wp-content\/uploads\/2025\/06\/Capture-decran-le-2025-06-19-a-13.29.03.jpg?resize=768%2C507&amp;ssl=1 768w, https:\/\/i0.wp.com\/itayachtscanada.com\/wp-content\/uploads\/2025\/06\/Capture-decran-le-2025-06-19-a-13.29.03.jpg?resize=700%2C463&amp;ssl=1 700w, https:\/\/i0.wp.com\/itayachtscanada.com\/wp-content\/uploads\/2025\/06\/Capture-decran-le-2025-06-19-a-13.29.03.jpg?resize=605%2C400&amp;ssl=1 605w, https:\/\/i0.wp.com\/itayachtscanada.com\/wp-content\/uploads\/2025\/06\/Capture-decran-le-2025-06-19-a-13.29.03.jpg?w=1400&amp;ssl=1 1400w\" width=\"463\" height=\"306\" loading=\"lazy\" data-original-width=\"463\" data-original-height=\"306\" itemprop=\"http:\/\/schema.org\/image\" title=\"Capture d\u2019e\u0301cran, le 2025-06-19 a\u0300 13.29.03\" alt=\"Capture d\u2019e\u0301cran, le 2025-06-19 a\u0300 13.29.03\" style=\"width: 463px; height: 306px;\" \/> <\/a> <\/div> <\/div> <!-- close group --> <div class=\"gallery-group images-2\" style=\"width: 233px; height: 310px;\" data-original-width=\"233\" data-original-height=\"310\" > <div class=\"tiled-gallery-item tiled-gallery-item-small\" itemprop=\"associatedMedia\" itemscope itemtype=\"http:\/\/schema.org\/ImageObject\"> <a href=\"https:\/\/itayachtscanada.com\/fr\/listing\/princess-s62-2021-2299000-usd-for-sale\/princess-s62-2021\/\" border=\"0\" itemprop=\"url\"> <meta itemprop=\"width\" content=\"229\"> <meta itemprop=\"height\" content=\"152\"> <img decoding=\"async\" class=\"\" data-attachment-id=\"269045\" data-orig-file=\"https:\/\/itayachtscanada.com\/wp-content\/uploads\/2025\/06\/Princess-S62-2021.jpg\" data-orig-size=\"1456,962\" data-comments-opened=\"1\" data-image-meta=\"{&quot;aperture&quot;:&quot;0&quot;,&quot;credit&quot;:&quot;&quot;,&quot;camera&quot;:&quot;&quot;,&quot;caption&quot;:&quot;&quot;,&quot;created_timestamp&quot;:&quot;0&quot;,&quot;copyright&quot;:&quot;&quot;,&quot;focal_length&quot;:&quot;0&quot;,&quot;iso&quot;:&quot;0&quot;,&quot;shutter_speed&quot;:&quot;0&quot;,&quot;title&quot;:&quot;&quot;,&quot;orientation&quot;:&quot;0&quot;}\" data-image-title=\"Princess S62 2021\" data-image-description=\"\" data-medium-file=\"https:\/\/i0.wp.com\/itayachtscanada.com\/wp-content\/uploads\/2025\/06\/Princess-S62-2021.jpg?fit=300%2C198&#038;ssl=1\" data-large-file=\"https:\/\/i0.wp.com\/itayachtscanada.com\/wp-content\/uploads\/2025\/06\/Princess-S62-2021.jpg?fit=700%2C463&#038;ssl=1\" src=\"https:\/\/i0.wp.com\/itayachtscanada.com\/wp-content\/uploads\/2025\/06\/Princess-S62-2021.jpg?w=229&#038;h=152&#038;ssl=1\" srcset=\"https:\/\/i0.wp.com\/itayachtscanada.com\/wp-content\/uploads\/2025\/06\/Princess-S62-2021.jpg?w=1456&amp;ssl=1 1456w, https:\/\/i0.wp.com\/itayachtscanada.com\/wp-content\/uploads\/2025\/06\/Princess-S62-2021.jpg?resize=300%2C198&amp;ssl=1 300w, https:\/\/i0.wp.com\/itayachtscanada.com\/wp-content\/uploads\/2025\/06\/Princess-S62-2021.jpg?resize=1024%2C677&amp;ssl=1 1024w, https:\/\/i0.wp.com\/itayachtscanada.com\/wp-content\/uploads\/2025\/06\/Princess-S62-2021.jpg?resize=768%2C507&amp;ssl=1 768w, https:\/\/i0.wp.com\/itayachtscanada.com\/wp-content\/uploads\/2025\/06\/Princess-S62-2021.jpg?resize=700%2C463&amp;ssl=1 700w, https:\/\/i0.wp.com\/itayachtscanada.com\/wp-content\/uploads\/2025\/06\/Princess-S62-2021.jpg?resize=900%2C600&amp;ssl=1 900w, https:\/\/i0.wp.com\/itayachtscanada.com\/wp-content\/uploads\/2025\/06\/Princess-S62-2021.jpg?resize=605%2C400&amp;ssl=1 605w, https:\/\/i0.wp.com\/itayachtscanada.com\/wp-content\/uploads\/2025\/06\/Princess-S62-2021.jpg?w=1400&amp;ssl=1 1400w\" width=\"229\" height=\"152\" loading=\"lazy\" data-original-width=\"229\" data-original-height=\"152\" itemprop=\"http:\/\/schema.org\/image\" title=\"Princess S62 2021\" alt=\"Princess S62 2021\" style=\"width: 229px; height: 152px;\" \/> <\/a> <\/div> <div class=\"tiled-gallery-item tiled-gallery-item-small\" itemprop=\"associatedMedia\" itemscope itemtype=\"http:\/\/schema.org\/ImageObject\"> <a href=\"https:\/\/itayachtscanada.com\/fr\/listing\/princess-s62-2021-2299000-usd-for-sale\/capture-decran-le-2025-06-19-a-13-26-54\/\" border=\"0\" itemprop=\"url\"> <meta itemprop=\"width\" content=\"229\"> <meta itemprop=\"height\" content=\"150\"> <img decoding=\"async\" class=\"\" data-attachment-id=\"269072\" data-orig-file=\"https:\/\/itayachtscanada.com\/wp-content\/uploads\/2025\/06\/Capture-decran-le-2025-06-19-a-13.26.54.jpg\" data-orig-size=\"1472,962\" data-comments-opened=\"1\" data-image-meta=\"{&quot;aperture&quot;:&quot;0&quot;,&quot;credit&quot;:&quot;&quot;,&quot;camera&quot;:&quot;&quot;,&quot;caption&quot;:&quot;&quot;,&quot;created_timestamp&quot;:&quot;0&quot;,&quot;copyright&quot;:&quot;&quot;,&quot;focal_length&quot;:&quot;0&quot;,&quot;iso&quot;:&quot;0&quot;,&quot;shutter_speed&quot;:&quot;0&quot;,&quot;title&quot;:&quot;&quot;,&quot;orientation&quot;:&quot;0&quot;}\" data-image-title=\"Capture d\u2019e\u0301cran, le 2025-06-19 a\u0300 13.26.54\" data-image-description=\"\" data-medium-file=\"https:\/\/i0.wp.com\/itayachtscanada.com\/wp-content\/uploads\/2025\/06\/Capture-decran-le-2025-06-19-a-13.26.54.jpg?fit=300%2C196&#038;ssl=1\" data-large-file=\"https:\/\/i0.wp.com\/itayachtscanada.com\/wp-content\/uploads\/2025\/06\/Capture-decran-le-2025-06-19-a-13.26.54.jpg?fit=700%2C457&#038;ssl=1\" src=\"https:\/\/i0.wp.com\/itayachtscanada.com\/wp-content\/uploads\/2025\/06\/Capture-decran-le-2025-06-19-a-13.26.54.jpg?w=229&#038;h=150&#038;ssl=1\" srcset=\"https:\/\/i0.wp.com\/itayachtscanada.com\/wp-content\/uploads\/2025\/06\/Capture-decran-le-2025-06-19-a-13.26.54.jpg?w=1472&amp;ssl=1 1472w, https:\/\/i0.wp.com\/itayachtscanada.com\/wp-content\/uploads\/2025\/06\/Capture-decran-le-2025-06-19-a-13.26.54.jpg?resize=300%2C196&amp;ssl=1 300w, https:\/\/i0.wp.com\/itayachtscanada.com\/wp-content\/uploads\/2025\/06\/Capture-decran-le-2025-06-19-a-13.26.54.jpg?resize=1024%2C669&amp;ssl=1 1024w, https:\/\/i0.wp.com\/itayachtscanada.com\/wp-content\/uploads\/2025\/06\/Capture-decran-le-2025-06-19-a-13.26.54.jpg?resize=768%2C502&amp;ssl=1 768w, https:\/\/i0.wp.com\/itayachtscanada.com\/wp-content\/uploads\/2025\/06\/Capture-decran-le-2025-06-19-a-13.26.54.jpg?resize=700%2C457&amp;ssl=1 700w, https:\/\/i0.wp.com\/itayachtscanada.com\/wp-content\/uploads\/2025\/06\/Capture-decran-le-2025-06-19-a-13.26.54.jpg?resize=612%2C400&amp;ssl=1 612w, https:\/\/i0.wp.com\/itayachtscanada.com\/wp-content\/uploads\/2025\/06\/Capture-decran-le-2025-06-19-a-13.26.54.jpg?w=1400&amp;ssl=1 1400w\" width=\"229\" height=\"150\" loading=\"lazy\" data-original-width=\"229\" data-original-height=\"150\" itemprop=\"http:\/\/schema.org\/image\" title=\"Capture d\u2019e\u0301cran, le 2025-06-19 a\u0300 13.26.54\" alt=\"Capture d\u2019e\u0301cran, le 2025-06-19 a\u0300 13.26.54\" style=\"width: 229px; height: 150px;\" \/> <\/a> <\/div> <\/div> <!-- close group --> <\/div> <!-- close row --> <div class=\"gallery-row\" style=\"width: 700px; height: 154px;\" data-original-width=\"700\" data-original-height=\"154\" > <div class=\"gallery-group images-1\" style=\"width: 234px; height: 154px;\" data-original-width=\"234\" data-original-height=\"154\" > <div class=\"tiled-gallery-item tiled-gallery-item-small\" itemprop=\"associatedMedia\" itemscope itemtype=\"http:\/\/schema.org\/ImageObject\"> <a href=\"https:\/\/itayachtscanada.com\/fr\/listing\/princess-s62-2021-2299000-usd-for-sale\/capture-decran-le-2025-06-19-a-13-26-48\/\" border=\"0\" itemprop=\"url\"> <meta itemprop=\"width\" content=\"230\"> <meta itemprop=\"height\" content=\"150\"> <img decoding=\"async\" class=\"\" data-attachment-id=\"269074\" data-orig-file=\"https:\/\/itayachtscanada.com\/wp-content\/uploads\/2025\/06\/Capture-decran-le-2025-06-19-a-13.26.48.jpg\" data-orig-size=\"1472,962\" data-comments-opened=\"1\" data-image-meta=\"{&quot;aperture&quot;:&quot;0&quot;,&quot;credit&quot;:&quot;&quot;,&quot;camera&quot;:&quot;&quot;,&quot;caption&quot;:&quot;&quot;,&quot;created_timestamp&quot;:&quot;0&quot;,&quot;copyright&quot;:&quot;&quot;,&quot;focal_length&quot;:&quot;0&quot;,&quot;iso&quot;:&quot;0&quot;,&quot;shutter_speed&quot;:&quot;0&quot;,&quot;title&quot;:&quot;&quot;,&quot;orientation&quot;:&quot;0&quot;}\" data-image-title=\"Capture d\u2019e\u0301cran, le 2025-06-19 a\u0300 13.26.48\" data-image-description=\"\" data-medium-file=\"https:\/\/i0.wp.com\/itayachtscanada.com\/wp-content\/uploads\/2025\/06\/Capture-decran-le-2025-06-19-a-13.26.48.jpg?fit=300%2C196&#038;ssl=1\" data-large-file=\"https:\/\/i0.wp.com\/itayachtscanada.com\/wp-content\/uploads\/2025\/06\/Capture-decran-le-2025-06-19-a-13.26.48.jpg?fit=700%2C457&#038;ssl=1\" src=\"https:\/\/i0.wp.com\/itayachtscanada.com\/wp-content\/uploads\/2025\/06\/Capture-decran-le-2025-06-19-a-13.26.48.jpg?w=230&#038;h=150&#038;ssl=1\" srcset=\"https:\/\/i0.wp.com\/itayachtscanada.com\/wp-content\/uploads\/2025\/06\/Capture-decran-le-2025-06-19-a-13.26.48.jpg?w=1472&amp;ssl=1 1472w, https:\/\/i0.wp.com\/itayachtscanada.com\/wp-content\/uploads\/2025\/06\/Capture-decran-le-2025-06-19-a-13.26.48.jpg?resize=300%2C196&amp;ssl=1 300w, https:\/\/i0.wp.com\/itayachtscanada.com\/wp-content\/uploads\/2025\/06\/Capture-decran-le-2025-06-19-a-13.26.48.jpg?resize=1024%2C669&amp;ssl=1 1024w, https:\/\/i0.wp.com\/itayachtscanada.com\/wp-content\/uploads\/2025\/06\/Capture-decran-le-2025-06-19-a-13.26.48.jpg?resize=768%2C502&amp;ssl=1 768w, https:\/\/i0.wp.com\/itayachtscanada.com\/wp-content\/uploads\/2025\/06\/Capture-decran-le-2025-06-19-a-13.26.48.jpg?resize=700%2C457&amp;ssl=1 700w, https:\/\/i0.wp.com\/itayachtscanada.com\/wp-content\/uploads\/2025\/06\/Capture-decran-le-2025-06-19-a-13.26.48.jpg?resize=612%2C400&amp;ssl=1 612w, https:\/\/i0.wp.com\/itayachtscanada.com\/wp-content\/uploads\/2025\/06\/Capture-decran-le-2025-06-19-a-13.26.48.jpg?w=1400&amp;ssl=1 1400w\" width=\"230\" height=\"150\" loading=\"lazy\" data-original-width=\"230\" data-original-height=\"150\" itemprop=\"http:\/\/schema.org\/image\" title=\"Capture d\u2019e\u0301cran, le 2025-06-19 a\u0300 13.26.48\" alt=\"Capture d\u2019e\u0301cran, le 2025-06-19 a\u0300 13.26.48\" style=\"width: 230px; height: 150px;\" \/> <\/a> <\/div> <\/div> <!-- close group --> <div class=\"gallery-group images-1\" style=\"width: 233px; height: 154px;\" data-original-width=\"233\" data-original-height=\"154\" > <div class=\"tiled-gallery-item tiled-gallery-item-small\" itemprop=\"associatedMedia\" itemscope itemtype=\"http:\/\/schema.org\/ImageObject\"> <a href=\"https:\/\/itayachtscanada.com\/fr\/listing\/princess-s62-2021-2299000-usd-for-sale\/capture-decran-le-2025-06-19-a-13-26-57\/\" border=\"0\" itemprop=\"url\"> <meta itemprop=\"width\" content=\"229\"> <meta itemprop=\"height\" content=\"150\"> <img decoding=\"async\" class=\"\" data-attachment-id=\"269071\" data-orig-file=\"https:\/\/itayachtscanada.com\/wp-content\/uploads\/2025\/06\/Capture-decran-le-2025-06-19-a-13.26.57.jpg\" data-orig-size=\"1472,962\" data-comments-opened=\"1\" data-image-meta=\"{&quot;aperture&quot;:&quot;0&quot;,&quot;credit&quot;:&quot;&quot;,&quot;camera&quot;:&quot;&quot;,&quot;caption&quot;:&quot;&quot;,&quot;created_timestamp&quot;:&quot;0&quot;,&quot;copyright&quot;:&quot;&quot;,&quot;focal_length&quot;:&quot;0&quot;,&quot;iso&quot;:&quot;0&quot;,&quot;shutter_speed&quot;:&quot;0&quot;,&quot;title&quot;:&quot;&quot;,&quot;orientation&quot;:&quot;0&quot;}\" data-image-title=\"Capture d\u2019e\u0301cran, le 2025-06-19 a\u0300 13.26.57\" data-image-description=\"\" data-medium-file=\"https:\/\/i0.wp.com\/itayachtscanada.com\/wp-content\/uploads\/2025\/06\/Capture-decran-le-2025-06-19-a-13.26.57.jpg?fit=300%2C196&#038;ssl=1\" data-large-file=\"https:\/\/i0.wp.com\/itayachtscanada.com\/wp-content\/uploads\/2025\/06\/Capture-decran-le-2025-06-19-a-13.26.57.jpg?fit=700%2C457&#038;ssl=1\" src=\"https:\/\/i0.wp.com\/itayachtscanada.com\/wp-content\/uploads\/2025\/06\/Capture-decran-le-2025-06-19-a-13.26.57.jpg?w=229&#038;h=150&#038;ssl=1\" srcset=\"https:\/\/i0.wp.com\/itayachtscanada.com\/wp-content\/uploads\/2025\/06\/Capture-decran-le-2025-06-19-a-13.26.57.jpg?w=1472&amp;ssl=1 1472w, https:\/\/i0.wp.com\/itayachtscanada.com\/wp-content\/uploads\/2025\/06\/Capture-decran-le-2025-06-19-a-13.26.57.jpg?resize=300%2C196&amp;ssl=1 300w, https:\/\/i0.wp.com\/itayachtscanada.com\/wp-content\/uploads\/2025\/06\/Capture-decran-le-2025-06-19-a-13.26.57.jpg?resize=1024%2C669&amp;ssl=1 1024w, https:\/\/i0.wp.com\/itayachtscanada.com\/wp-content\/uploads\/2025\/06\/Capture-decran-le-2025-06-19-a-13.26.57.jpg?resize=768%2C502&amp;ssl=1 768w, https:\/\/i0.wp.com\/itayachtscanada.com\/wp-content\/uploads\/2025\/06\/Capture-decran-le-2025-06-19-a-13.26.57.jpg?resize=700%2C457&amp;ssl=1 700w, https:\/\/i0.wp.com\/itayachtscanada.com\/wp-content\/uploads\/2025\/06\/Capture-decran-le-2025-06-19-a-13.26.57.jpg?resize=612%2C400&amp;ssl=1 612w, https:\/\/i0.wp.com\/itayachtscanada.com\/wp-content\/uploads\/2025\/06\/Capture-decran-le-2025-06-19-a-13.26.57.jpg?w=1400&amp;ssl=1 1400w\" width=\"229\" height=\"150\" loading=\"lazy\" data-original-width=\"229\" data-original-height=\"150\" itemprop=\"http:\/\/schema.org\/image\" title=\"Capture d\u2019e\u0301cran, le 2025-06-19 a\u0300 13.26.57\" alt=\"Capture d\u2019e\u0301cran, le 2025-06-19 a\u0300 13.26.57\" style=\"width: 229px; height: 150px;\" \/> <\/a> <\/div> <\/div> <!-- close group --> <div class=\"gallery-group images-1\" style=\"width: 233px; height: 154px;\" data-original-width=\"233\" data-original-height=\"154\" > <div class=\"tiled-gallery-item tiled-gallery-item-small\" itemprop=\"associatedMedia\" itemscope itemtype=\"http:\/\/schema.org\/ImageObject\"> <a href=\"https:\/\/itayachtscanada.com\/fr\/listing\/princess-s62-2021-2299000-usd-for-sale\/capture-decran-le-2025-06-19-a-13-26-44\/\" border=\"0\" itemprop=\"url\"> <meta itemprop=\"width\" content=\"229\"> <meta itemprop=\"height\" content=\"150\"> <img decoding=\"async\" class=\"\" data-attachment-id=\"269075\" data-orig-file=\"https:\/\/itayachtscanada.com\/wp-content\/uploads\/2025\/06\/Capture-decran-le-2025-06-19-a-13.26.44.jpg\" data-orig-size=\"1472,962\" data-comments-opened=\"1\" data-image-meta=\"{&quot;aperture&quot;:&quot;0&quot;,&quot;credit&quot;:&quot;&quot;,&quot;camera&quot;:&quot;&quot;,&quot;caption&quot;:&quot;&quot;,&quot;created_timestamp&quot;:&quot;0&quot;,&quot;copyright&quot;:&quot;&quot;,&quot;focal_length&quot;:&quot;0&quot;,&quot;iso&quot;:&quot;0&quot;,&quot;shutter_speed&quot;:&quot;0&quot;,&quot;title&quot;:&quot;&quot;,&quot;orientation&quot;:&quot;0&quot;}\" data-image-title=\"Capture d\u2019e\u0301cran, le 2025-06-19 a\u0300 13.26.44\" data-image-description=\"\" data-medium-file=\"https:\/\/i0.wp.com\/itayachtscanada.com\/wp-content\/uploads\/2025\/06\/Capture-decran-le-2025-06-19-a-13.26.44.jpg?fit=300%2C196&#038;ssl=1\" data-large-file=\"https:\/\/i0.wp.com\/itayachtscanada.com\/wp-content\/uploads\/2025\/06\/Capture-decran-le-2025-06-19-a-13.26.44.jpg?fit=700%2C457&#038;ssl=1\" src=\"https:\/\/i0.wp.com\/itayachtscanada.com\/wp-content\/uploads\/2025\/06\/Capture-decran-le-2025-06-19-a-13.26.44.jpg?w=229&#038;h=150&#038;ssl=1\" srcset=\"https:\/\/i0.wp.com\/itayachtscanada.com\/wp-content\/uploads\/2025\/06\/Capture-decran-le-2025-06-19-a-13.26.44.jpg?w=1472&amp;ssl=1 1472w, https:\/\/i0.wp.com\/itayachtscanada.com\/wp-content\/uploads\/2025\/06\/Capture-decran-le-2025-06-19-a-13.26.44.jpg?resize=300%2C196&amp;ssl=1 300w, https:\/\/i0.wp.com\/itayachtscanada.com\/wp-content\/uploads\/2025\/06\/Capture-decran-le-2025-06-19-a-13.26.44.jpg?resize=1024%2C669&amp;ssl=1 1024w, https:\/\/i0.wp.com\/itayachtscanada.com\/wp-content\/uploads\/2025\/06\/Capture-decran-le-2025-06-19-a-13.26.44.jpg?resize=768%2C502&amp;ssl=1 768w, https:\/\/i0.wp.com\/itayachtscanada.com\/wp-content\/uploads\/2025\/06\/Capture-decran-le-2025-06-19-a-13.26.44.jpg?resize=700%2C457&amp;ssl=1 700w, https:\/\/i0.wp.com\/itayachtscanada.com\/wp-content\/uploads\/2025\/06\/Capture-decran-le-2025-06-19-a-13.26.44.jpg?resize=612%2C400&amp;ssl=1 612w, https:\/\/i0.wp.com\/itayachtscanada.com\/wp-content\/uploads\/2025\/06\/Capture-decran-le-2025-06-19-a-13.26.44.jpg?w=1400&amp;ssl=1 1400w\" width=\"229\" height=\"150\" loading=\"lazy\" data-original-width=\"229\" data-original-height=\"150\" itemprop=\"http:\/\/schema.org\/image\" title=\"Capture d\u2019e\u0301cran, le 2025-06-19 a\u0300 13.26.44\" alt=\"Capture d\u2019e\u0301cran, le 2025-06-19 a\u0300 13.26.44\" style=\"width: 229px; height: 150px;\" \/> <\/a> <\/div> <\/div> <!-- close group --> <\/div> <!-- close row --> <div class=\"gallery-row\" style=\"width: 700px; height: 230px;\" data-original-width=\"700\" data-original-height=\"230\" > <div class=\"gallery-group images-1\" style=\"width: 350px; height: 230px;\" data-original-width=\"350\" data-original-height=\"230\" > <div class=\"tiled-gallery-item tiled-gallery-item-large\" itemprop=\"associatedMedia\" itemscope itemtype=\"http:\/\/schema.org\/ImageObject\"> <a href=\"https:\/\/itayachtscanada.com\/fr\/listing\/princess-s62-2021-2299000-usd-for-sale\/capture-decran-le-2025-06-19-a-13-26-51\/\" border=\"0\" itemprop=\"url\"> <meta itemprop=\"width\" content=\"346\"> <meta itemprop=\"height\" content=\"226\"> <img decoding=\"async\" class=\"\" data-attachment-id=\"269073\" data-orig-file=\"https:\/\/itayachtscanada.com\/wp-content\/uploads\/2025\/06\/Capture-decran-le-2025-06-19-a-13.26.51.jpg\" data-orig-size=\"1472,962\" data-comments-opened=\"1\" data-image-meta=\"{&quot;aperture&quot;:&quot;0&quot;,&quot;credit&quot;:&quot;&quot;,&quot;camera&quot;:&quot;&quot;,&quot;caption&quot;:&quot;&quot;,&quot;created_timestamp&quot;:&quot;0&quot;,&quot;copyright&quot;:&quot;&quot;,&quot;focal_length&quot;:&quot;0&quot;,&quot;iso&quot;:&quot;0&quot;,&quot;shutter_speed&quot;:&quot;0&quot;,&quot;title&quot;:&quot;&quot;,&quot;orientation&quot;:&quot;0&quot;}\" data-image-title=\"Capture d\u2019e\u0301cran, le 2025-06-19 a\u0300 13.26.51\" data-image-description=\"\" data-medium-file=\"https:\/\/i0.wp.com\/itayachtscanada.com\/wp-content\/uploads\/2025\/06\/Capture-decran-le-2025-06-19-a-13.26.51.jpg?fit=300%2C196&#038;ssl=1\" data-large-file=\"https:\/\/i0.wp.com\/itayachtscanada.com\/wp-content\/uploads\/2025\/06\/Capture-decran-le-2025-06-19-a-13.26.51.jpg?fit=700%2C457&#038;ssl=1\" src=\"https:\/\/i0.wp.com\/itayachtscanada.com\/wp-content\/uploads\/2025\/06\/Capture-decran-le-2025-06-19-a-13.26.51.jpg?w=346&#038;h=226&#038;ssl=1\" srcset=\"https:\/\/i0.wp.com\/itayachtscanada.com\/wp-content\/uploads\/2025\/06\/Capture-decran-le-2025-06-19-a-13.26.51.jpg?w=1472&amp;ssl=1 1472w, https:\/\/i0.wp.com\/itayachtscanada.com\/wp-content\/uploads\/2025\/06\/Capture-decran-le-2025-06-19-a-13.26.51.jpg?resize=300%2C196&amp;ssl=1 300w, https:\/\/i0.wp.com\/itayachtscanada.com\/wp-content\/uploads\/2025\/06\/Capture-decran-le-2025-06-19-a-13.26.51.jpg?resize=1024%2C669&amp;ssl=1 1024w, https:\/\/i0.wp.com\/itayachtscanada.com\/wp-content\/uploads\/2025\/06\/Capture-decran-le-2025-06-19-a-13.26.51.jpg?resize=768%2C502&amp;ssl=1 768w, https:\/\/i0.wp.com\/itayachtscanada.com\/wp-content\/uploads\/2025\/06\/Capture-decran-le-2025-06-19-a-13.26.51.jpg?resize=700%2C457&amp;ssl=1 700w, https:\/\/i0.wp.com\/itayachtscanada.com\/wp-content\/uploads\/2025\/06\/Capture-decran-le-2025-06-19-a-13.26.51.jpg?resize=612%2C400&amp;ssl=1 612w, https:\/\/i0.wp.com\/itayachtscanada.com\/wp-content\/uploads\/2025\/06\/Capture-decran-le-2025-06-19-a-13.26.51.jpg?w=1400&amp;ssl=1 1400w\" width=\"346\" height=\"226\" loading=\"lazy\" data-original-width=\"346\" data-original-height=\"226\" itemprop=\"http:\/\/schema.org\/image\" title=\"Capture d\u2019e\u0301cran, le 2025-06-19 a\u0300 13.26.51\" alt=\"Capture d\u2019e\u0301cran, le 2025-06-19 a\u0300 13.26.51\" style=\"width: 346px; height: 226px;\" \/> <\/a> <\/div> <\/div> <!-- close group --> <div class=\"gallery-group images-1\" style=\"width: 350px; height: 230px;\" data-original-width=\"350\" data-original-height=\"230\" > <div class=\"tiled-gallery-item tiled-gallery-item-large\" itemprop=\"associatedMedia\" itemscope itemtype=\"http:\/\/schema.org\/ImageObject\"> <a href=\"https:\/\/itayachtscanada.com\/fr\/listing\/princess-s62-2021-2299000-usd-for-sale\/capture-decran-le-2025-06-19-a-13-26-41\/\" border=\"0\" itemprop=\"url\"> <meta itemprop=\"width\" content=\"346\"> <meta itemprop=\"height\" content=\"226\"> <img decoding=\"async\" class=\"\" data-attachment-id=\"269076\" data-orig-file=\"https:\/\/itayachtscanada.com\/wp-content\/uploads\/2025\/06\/Capture-decran-le-2025-06-19-a-13.26.41.jpg\" data-orig-size=\"1472,962\" data-comments-opened=\"1\" data-image-meta=\"{&quot;aperture&quot;:&quot;0&quot;,&quot;credit&quot;:&quot;&quot;,&quot;camera&quot;:&quot;&quot;,&quot;caption&quot;:&quot;&quot;,&quot;created_timestamp&quot;:&quot;0&quot;,&quot;copyright&quot;:&quot;&quot;,&quot;focal_length&quot;:&quot;0&quot;,&quot;iso&quot;:&quot;0&quot;,&quot;shutter_speed&quot;:&quot;0&quot;,&quot;title&quot;:&quot;&quot;,&quot;orientation&quot;:&quot;0&quot;}\" data-image-title=\"Capture d\u2019e\u0301cran, le 2025-06-19 a\u0300 13.26.41\" data-image-description=\"\" data-medium-file=\"https:\/\/i0.wp.com\/itayachtscanada.com\/wp-content\/uploads\/2025\/06\/Capture-decran-le-2025-06-19-a-13.26.41.jpg?fit=300%2C196&#038;ssl=1\" data-large-file=\"https:\/\/i0.wp.com\/itayachtscanada.com\/wp-content\/uploads\/2025\/06\/Capture-decran-le-2025-06-19-a-13.26.41.jpg?fit=700%2C457&#038;ssl=1\" src=\"https:\/\/i0.wp.com\/itayachtscanada.com\/wp-content\/uploads\/2025\/06\/Capture-decran-le-2025-06-19-a-13.26.41.jpg?w=346&#038;h=226&#038;ssl=1\" srcset=\"https:\/\/i0.wp.com\/itayachtscanada.com\/wp-content\/uploads\/2025\/06\/Capture-decran-le-2025-06-19-a-13.26.41.jpg?w=1472&amp;ssl=1 1472w, https:\/\/i0.wp.com\/itayachtscanada.com\/wp-content\/uploads\/2025\/06\/Capture-decran-le-2025-06-19-a-13.26.41.jpg?resize=300%2C196&amp;ssl=1 300w, https:\/\/i0.wp.com\/itayachtscanada.com\/wp-content\/uploads\/2025\/06\/Capture-decran-le-2025-06-19-a-13.26.41.jpg?resize=1024%2C669&amp;ssl=1 1024w, https:\/\/i0.wp.com\/itayachtscanada.com\/wp-content\/uploads\/2025\/06\/Capture-decran-le-2025-06-19-a-13.26.41.jpg?resize=768%2C502&amp;ssl=1 768w, https:\/\/i0.wp.com\/itayachtscanada.com\/wp-content\/uploads\/2025\/06\/Capture-decran-le-2025-06-19-a-13.26.41.jpg?resize=700%2C457&amp;ssl=1 700w, https:\/\/i0.wp.com\/itayachtscanada.com\/wp-content\/uploads\/2025\/06\/Capture-decran-le-2025-06-19-a-13.26.41.jpg?resize=612%2C400&amp;ssl=1 612w, https:\/\/i0.wp.com\/itayachtscanada.com\/wp-content\/uploads\/2025\/06\/Capture-decran-le-2025-06-19-a-13.26.41.jpg?w=1400&amp;ssl=1 1400w\" width=\"346\" height=\"226\" loading=\"lazy\" data-original-width=\"346\" data-original-height=\"226\" itemprop=\"http:\/\/schema.org\/image\" title=\"Capture d\u2019e\u0301cran, le 2025-06-19 a\u0300 13.26.41\" alt=\"Capture d\u2019e\u0301cran, le 2025-06-19 a\u0300 13.26.41\" style=\"width: 346px; height: 226px;\" \/> <\/a> <\/div> <\/div> <!-- close group --> <\/div> <!-- close row --> <div class=\"gallery-row\" style=\"width: 700px; height: 298px;\" data-original-width=\"700\" data-original-height=\"298\" > <div class=\"gallery-group images-2\" style=\"width: 245px; height: 298px;\" data-original-width=\"245\" data-original-height=\"298\" > <div class=\"tiled-gallery-item tiled-gallery-item-small\" itemprop=\"associatedMedia\" itemscope itemtype=\"http:\/\/schema.org\/ImageObject\"> <a href=\"https:\/\/itayachtscanada.com\/fr\/listing\/princess-s62-2021-2299000-usd-for-sale\/capture-decran-le-2025-06-19-a-13-28-38\/\" border=\"0\" itemprop=\"url\"> <meta itemprop=\"width\" content=\"241\"> <meta itemprop=\"height\" content=\"132\"> <img decoding=\"async\" class=\"\" data-attachment-id=\"269047\" data-orig-file=\"https:\/\/itayachtscanada.com\/wp-content\/uploads\/2025\/06\/Capture-decran-le-2025-06-19-a-13.28.38.jpg\" data-orig-size=\"1752,962\" data-comments-opened=\"1\" data-image-meta=\"{&quot;aperture&quot;:&quot;0&quot;,&quot;credit&quot;:&quot;&quot;,&quot;camera&quot;:&quot;&quot;,&quot;caption&quot;:&quot;&quot;,&quot;created_timestamp&quot;:&quot;0&quot;,&quot;copyright&quot;:&quot;&quot;,&quot;focal_length&quot;:&quot;0&quot;,&quot;iso&quot;:&quot;0&quot;,&quot;shutter_speed&quot;:&quot;0&quot;,&quot;title&quot;:&quot;&quot;,&quot;orientation&quot;:&quot;0&quot;}\" data-image-title=\"Capture d\u2019e\u0301cran, le 2025-06-19 a\u0300 13.28.38\" data-image-description=\"\" data-medium-file=\"https:\/\/i0.wp.com\/itayachtscanada.com\/wp-content\/uploads\/2025\/06\/Capture-decran-le-2025-06-19-a-13.28.38.jpg?fit=300%2C165&#038;ssl=1\" data-large-file=\"https:\/\/i0.wp.com\/itayachtscanada.com\/wp-content\/uploads\/2025\/06\/Capture-decran-le-2025-06-19-a-13.28.38.jpg?fit=700%2C384&#038;ssl=1\" src=\"https:\/\/i0.wp.com\/itayachtscanada.com\/wp-content\/uploads\/2025\/06\/Capture-decran-le-2025-06-19-a-13.28.38.jpg?w=241&#038;h=132&#038;ssl=1\" srcset=\"https:\/\/i0.wp.com\/itayachtscanada.com\/wp-content\/uploads\/2025\/06\/Capture-decran-le-2025-06-19-a-13.28.38.jpg?w=1752&amp;ssl=1 1752w, https:\/\/i0.wp.com\/itayachtscanada.com\/wp-content\/uploads\/2025\/06\/Capture-decran-le-2025-06-19-a-13.28.38.jpg?resize=300%2C165&amp;ssl=1 300w, https:\/\/i0.wp.com\/itayachtscanada.com\/wp-content\/uploads\/2025\/06\/Capture-decran-le-2025-06-19-a-13.28.38.jpg?resize=1024%2C562&amp;ssl=1 1024w, https:\/\/i0.wp.com\/itayachtscanada.com\/wp-content\/uploads\/2025\/06\/Capture-decran-le-2025-06-19-a-13.28.38.jpg?resize=768%2C422&amp;ssl=1 768w, https:\/\/i0.wp.com\/itayachtscanada.com\/wp-content\/uploads\/2025\/06\/Capture-decran-le-2025-06-19-a-13.28.38.jpg?resize=1536%2C843&amp;ssl=1 1536w, https:\/\/i0.wp.com\/itayachtscanada.com\/wp-content\/uploads\/2025\/06\/Capture-decran-le-2025-06-19-a-13.28.38.jpg?resize=700%2C384&amp;ssl=1 700w, https:\/\/i0.wp.com\/itayachtscanada.com\/wp-content\/uploads\/2025\/06\/Capture-decran-le-2025-06-19-a-13.28.38.jpg?resize=728%2C400&amp;ssl=1 728w, https:\/\/i0.wp.com\/itayachtscanada.com\/wp-content\/uploads\/2025\/06\/Capture-decran-le-2025-06-19-a-13.28.38.jpg?w=1400&amp;ssl=1 1400w\" width=\"241\" height=\"132\" loading=\"lazy\" data-original-width=\"241\" data-original-height=\"132\" itemprop=\"http:\/\/schema.org\/image\" title=\"Capture d\u2019e\u0301cran, le 2025-06-19 a\u0300 13.28.38\" alt=\"Capture d\u2019e\u0301cran, le 2025-06-19 a\u0300 13.28.38\" style=\"width: 241px; height: 132px;\" \/> <\/a> <\/div> <div class=\"tiled-gallery-item tiled-gallery-item-small\" itemprop=\"associatedMedia\" itemscope itemtype=\"http:\/\/schema.org\/ImageObject\"> <a href=\"https:\/\/itayachtscanada.com\/fr\/listing\/princess-s62-2021-2299000-usd-for-sale\/capture-decran-le-2025-06-19-a-13-27-47\/\" border=\"0\" itemprop=\"url\"> <meta itemprop=\"width\" content=\"241\"> <meta itemprop=\"height\" content=\"158\"> <img decoding=\"async\" class=\"\" data-attachment-id=\"269060\" data-orig-file=\"https:\/\/itayachtscanada.com\/wp-content\/uploads\/2025\/06\/Capture-decran-le-2025-06-19-a-13.27.47.jpg\" data-orig-size=\"1472,962\" data-comments-opened=\"1\" data-image-meta=\"{&quot;aperture&quot;:&quot;0&quot;,&quot;credit&quot;:&quot;&quot;,&quot;camera&quot;:&quot;&quot;,&quot;caption&quot;:&quot;&quot;,&quot;created_timestamp&quot;:&quot;0&quot;,&quot;copyright&quot;:&quot;&quot;,&quot;focal_length&quot;:&quot;0&quot;,&quot;iso&quot;:&quot;0&quot;,&quot;shutter_speed&quot;:&quot;0&quot;,&quot;title&quot;:&quot;&quot;,&quot;orientation&quot;:&quot;0&quot;}\" data-image-title=\"Capture d\u2019e\u0301cran, le 2025-06-19 a\u0300 13.27.47\" data-image-description=\"\" data-medium-file=\"https:\/\/i0.wp.com\/itayachtscanada.com\/wp-content\/uploads\/2025\/06\/Capture-decran-le-2025-06-19-a-13.27.47.jpg?fit=300%2C196&#038;ssl=1\" data-large-file=\"https:\/\/i0.wp.com\/itayachtscanada.com\/wp-content\/uploads\/2025\/06\/Capture-decran-le-2025-06-19-a-13.27.47.jpg?fit=700%2C457&#038;ssl=1\" src=\"https:\/\/i0.wp.com\/itayachtscanada.com\/wp-content\/uploads\/2025\/06\/Capture-decran-le-2025-06-19-a-13.27.47.jpg?w=241&#038;h=158&#038;ssl=1\" srcset=\"https:\/\/i0.wp.com\/itayachtscanada.com\/wp-content\/uploads\/2025\/06\/Capture-decran-le-2025-06-19-a-13.27.47.jpg?w=1472&amp;ssl=1 1472w, https:\/\/i0.wp.com\/itayachtscanada.com\/wp-content\/uploads\/2025\/06\/Capture-decran-le-2025-06-19-a-13.27.47.jpg?resize=300%2C196&amp;ssl=1 300w, https:\/\/i0.wp.com\/itayachtscanada.com\/wp-content\/uploads\/2025\/06\/Capture-decran-le-2025-06-19-a-13.27.47.jpg?resize=1024%2C669&amp;ssl=1 1024w, https:\/\/i0.wp.com\/itayachtscanada.com\/wp-content\/uploads\/2025\/06\/Capture-decran-le-2025-06-19-a-13.27.47.jpg?resize=768%2C502&amp;ssl=1 768w, https:\/\/i0.wp.com\/itayachtscanada.com\/wp-content\/uploads\/2025\/06\/Capture-decran-le-2025-06-19-a-13.27.47.jpg?resize=700%2C457&amp;ssl=1 700w, https:\/\/i0.wp.com\/itayachtscanada.com\/wp-content\/uploads\/2025\/06\/Capture-decran-le-2025-06-19-a-13.27.47.jpg?resize=612%2C400&amp;ssl=1 612w, https:\/\/i0.wp.com\/itayachtscanada.com\/wp-content\/uploads\/2025\/06\/Capture-decran-le-2025-06-19-a-13.27.47.jpg?w=1400&amp;ssl=1 1400w\" width=\"241\" height=\"158\" loading=\"lazy\" data-original-width=\"241\" data-original-height=\"158\" itemprop=\"http:\/\/schema.org\/image\" title=\"Capture d\u2019e\u0301cran, le 2025-06-19 a\u0300 13.27.47\" alt=\"Capture d\u2019e\u0301cran, le 2025-06-19 a\u0300 13.27.47\" style=\"width: 241px; height: 158px;\" \/> <\/a> <\/div> <\/div> <!-- close group --> <div class=\"gallery-group images-1\" style=\"width: 455px; height: 298px;\" data-original-width=\"455\" data-original-height=\"298\" > <div class=\"tiled-gallery-item tiled-gallery-item-large\" itemprop=\"associatedMedia\" itemscope itemtype=\"http:\/\/schema.org\/ImageObject\"> <a href=\"https:\/\/itayachtscanada.com\/fr\/listing\/princess-s62-2021-2299000-usd-for-sale\/capture-decran-le-2025-06-19-a-13-27-44\/\" border=\"0\" itemprop=\"url\"> <meta itemprop=\"width\" content=\"451\"> <meta itemprop=\"height\" content=\"294\"> <img decoding=\"async\" class=\"\" data-attachment-id=\"269061\" data-orig-file=\"https:\/\/itayachtscanada.com\/wp-content\/uploads\/2025\/06\/Capture-decran-le-2025-06-19-a-13.27.44.jpg\" data-orig-size=\"1472,962\" data-comments-opened=\"1\" data-image-meta=\"{&quot;aperture&quot;:&quot;0&quot;,&quot;credit&quot;:&quot;&quot;,&quot;camera&quot;:&quot;&quot;,&quot;caption&quot;:&quot;&quot;,&quot;created_timestamp&quot;:&quot;0&quot;,&quot;copyright&quot;:&quot;&quot;,&quot;focal_length&quot;:&quot;0&quot;,&quot;iso&quot;:&quot;0&quot;,&quot;shutter_speed&quot;:&quot;0&quot;,&quot;title&quot;:&quot;&quot;,&quot;orientation&quot;:&quot;0&quot;}\" data-image-title=\"Capture d\u2019e\u0301cran, le 2025-06-19 a\u0300 13.27.44\" data-image-description=\"\" data-medium-file=\"https:\/\/i0.wp.com\/itayachtscanada.com\/wp-content\/uploads\/2025\/06\/Capture-decran-le-2025-06-19-a-13.27.44.jpg?fit=300%2C196&#038;ssl=1\" data-large-file=\"https:\/\/i0.wp.com\/itayachtscanada.com\/wp-content\/uploads\/2025\/06\/Capture-decran-le-2025-06-19-a-13.27.44.jpg?fit=700%2C457&#038;ssl=1\" src=\"https:\/\/i0.wp.com\/itayachtscanada.com\/wp-content\/uploads\/2025\/06\/Capture-decran-le-2025-06-19-a-13.27.44.jpg?w=451&#038;h=294&#038;ssl=1\" srcset=\"https:\/\/i0.wp.com\/itayachtscanada.com\/wp-content\/uploads\/2025\/06\/Capture-decran-le-2025-06-19-a-13.27.44.jpg?w=1472&amp;ssl=1 1472w, https:\/\/i0.wp.com\/itayachtscanada.com\/wp-content\/uploads\/2025\/06\/Capture-decran-le-2025-06-19-a-13.27.44.jpg?resize=300%2C196&amp;ssl=1 300w, https:\/\/i0.wp.com\/itayachtscanada.com\/wp-content\/uploads\/2025\/06\/Capture-decran-le-2025-06-19-a-13.27.44.jpg?resize=1024%2C669&amp;ssl=1 1024w, https:\/\/i0.wp.com\/itayachtscanada.com\/wp-content\/uploads\/2025\/06\/Capture-decran-le-2025-06-19-a-13.27.44.jpg?resize=768%2C502&amp;ssl=1 768w, https:\/\/i0.wp.com\/itayachtscanada.com\/wp-content\/uploads\/2025\/06\/Capture-decran-le-2025-06-19-a-13.27.44.jpg?resize=700%2C457&amp;ssl=1 700w, https:\/\/i0.wp.com\/itayachtscanada.com\/wp-content\/uploads\/2025\/06\/Capture-decran-le-2025-06-19-a-13.27.44.jpg?resize=612%2C400&amp;ssl=1 612w, https:\/\/i0.wp.com\/itayachtscanada.com\/wp-content\/uploads\/2025\/06\/Capture-decran-le-2025-06-19-a-13.27.44.jpg?w=1400&amp;ssl=1 1400w\" width=\"451\" height=\"294\" loading=\"lazy\" data-original-width=\"451\" data-original-height=\"294\" itemprop=\"http:\/\/schema.org\/image\" title=\"Capture d\u2019e\u0301cran, le 2025-06-19 a\u0300 13.27.44\" alt=\"Capture d\u2019e\u0301cran, le 2025-06-19 a\u0300 13.27.44\" style=\"width: 451px; height: 294px;\" \/> <\/a> <\/div> <\/div> <!-- close group --> <\/div> <!-- close row --> <div class=\"gallery-row\" style=\"width: 700px; height: 307px;\" data-original-width=\"700\" data-original-height=\"307\" > <div class=\"gallery-group images-1\" style=\"width: 467px; height: 307px;\" data-original-width=\"467\" data-original-height=\"307\" > <div class=\"tiled-gallery-item tiled-gallery-item-large\" itemprop=\"associatedMedia\" itemscope itemtype=\"http:\/\/schema.org\/ImageObject\"> <a href=\"https:\/\/itayachtscanada.com\/fr\/listing\/princess-s62-2021-2299000-usd-for-sale\/capture-decran-le-2025-06-19-a-13-27-41\/\" border=\"0\" itemprop=\"url\"> <meta itemprop=\"width\" content=\"463\"> <meta itemprop=\"height\" content=\"303\"> <img decoding=\"async\" class=\"\" data-attachment-id=\"269062\" data-orig-file=\"https:\/\/itayachtscanada.com\/wp-content\/uploads\/2025\/06\/Capture-decran-le-2025-06-19-a-13.27.41.jpg\" data-orig-size=\"1472,962\" data-comments-opened=\"1\" data-image-meta=\"{&quot;aperture&quot;:&quot;0&quot;,&quot;credit&quot;:&quot;&quot;,&quot;camera&quot;:&quot;&quot;,&quot;caption&quot;:&quot;&quot;,&quot;created_timestamp&quot;:&quot;0&quot;,&quot;copyright&quot;:&quot;&quot;,&quot;focal_length&quot;:&quot;0&quot;,&quot;iso&quot;:&quot;0&quot;,&quot;shutter_speed&quot;:&quot;0&quot;,&quot;title&quot;:&quot;&quot;,&quot;orientation&quot;:&quot;0&quot;}\" data-image-title=\"Capture d\u2019e\u0301cran, le 2025-06-19 a\u0300 13.27.41\" data-image-description=\"\" data-medium-file=\"https:\/\/i0.wp.com\/itayachtscanada.com\/wp-content\/uploads\/2025\/06\/Capture-decran-le-2025-06-19-a-13.27.41.jpg?fit=300%2C196&#038;ssl=1\" data-large-file=\"https:\/\/i0.wp.com\/itayachtscanada.com\/wp-content\/uploads\/2025\/06\/Capture-decran-le-2025-06-19-a-13.27.41.jpg?fit=700%2C457&#038;ssl=1\" src=\"https:\/\/i0.wp.com\/itayachtscanada.com\/wp-content\/uploads\/2025\/06\/Capture-decran-le-2025-06-19-a-13.27.41.jpg?w=463&#038;h=303&#038;ssl=1\" srcset=\"https:\/\/i0.wp.com\/itayachtscanada.com\/wp-content\/uploads\/2025\/06\/Capture-decran-le-2025-06-19-a-13.27.41.jpg?w=1472&amp;ssl=1 1472w, https:\/\/i0.wp.com\/itayachtscanada.com\/wp-content\/uploads\/2025\/06\/Capture-decran-le-2025-06-19-a-13.27.41.jpg?resize=300%2C196&amp;ssl=1 300w, https:\/\/i0.wp.com\/itayachtscanada.com\/wp-content\/uploads\/2025\/06\/Capture-decran-le-2025-06-19-a-13.27.41.jpg?resize=1024%2C669&amp;ssl=1 1024w, https:\/\/i0.wp.com\/itayachtscanada.com\/wp-content\/uploads\/2025\/06\/Capture-decran-le-2025-06-19-a-13.27.41.jpg?resize=768%2C502&amp;ssl=1 768w, https:\/\/i0.wp.com\/itayachtscanada.com\/wp-content\/uploads\/2025\/06\/Capture-decran-le-2025-06-19-a-13.27.41.jpg?resize=700%2C457&amp;ssl=1 700w, https:\/\/i0.wp.com\/itayachtscanada.com\/wp-content\/uploads\/2025\/06\/Capture-decran-le-2025-06-19-a-13.27.41.jpg?resize=612%2C400&amp;ssl=1 612w, https:\/\/i0.wp.com\/itayachtscanada.com\/wp-content\/uploads\/2025\/06\/Capture-decran-le-2025-06-19-a-13.27.41.jpg?w=1400&amp;ssl=1 1400w\" width=\"463\" height=\"303\" loading=\"lazy\" data-original-width=\"463\" data-original-height=\"303\" itemprop=\"http:\/\/schema.org\/image\" title=\"Capture d\u2019e\u0301cran, le 2025-06-19 a\u0300 13.27.41\" alt=\"Capture d\u2019e\u0301cran, le 2025-06-19 a\u0300 13.27.41\" style=\"width: 463px; height: 303px;\" \/> <\/a> <\/div> <\/div> <!-- close group --> <div class=\"gallery-group images-2\" style=\"width: 233px; height: 307px;\" data-original-width=\"233\" data-original-height=\"307\" > <div class=\"tiled-gallery-item tiled-gallery-item-small\" itemprop=\"associatedMedia\" itemscope itemtype=\"http:\/\/schema.org\/ImageObject\"> <a href=\"https:\/\/itayachtscanada.com\/fr\/listing\/princess-s62-2021-2299000-usd-for-sale\/capture-decran-le-2025-06-19-a-13-27-37\/\" border=\"0\" itemprop=\"url\"> <meta itemprop=\"width\" content=\"229\"> <meta itemprop=\"height\" content=\"150\"> <img decoding=\"async\" class=\"\" data-attachment-id=\"269063\" data-orig-file=\"https:\/\/itayachtscanada.com\/wp-content\/uploads\/2025\/06\/Capture-decran-le-2025-06-19-a-13.27.37.jpg\" data-orig-size=\"1472,962\" data-comments-opened=\"1\" data-image-meta=\"{&quot;aperture&quot;:&quot;0&quot;,&quot;credit&quot;:&quot;&quot;,&quot;camera&quot;:&quot;&quot;,&quot;caption&quot;:&quot;&quot;,&quot;created_timestamp&quot;:&quot;0&quot;,&quot;copyright&quot;:&quot;&quot;,&quot;focal_length&quot;:&quot;0&quot;,&quot;iso&quot;:&quot;0&quot;,&quot;shutter_speed&quot;:&quot;0&quot;,&quot;title&quot;:&quot;&quot;,&quot;orientation&quot;:&quot;0&quot;}\" data-image-title=\"Capture d\u2019e\u0301cran, le 2025-06-19 a\u0300 13.27.37\" data-image-description=\"\" data-medium-file=\"https:\/\/i0.wp.com\/itayachtscanada.com\/wp-content\/uploads\/2025\/06\/Capture-decran-le-2025-06-19-a-13.27.37.jpg?fit=300%2C196&#038;ssl=1\" data-large-file=\"https:\/\/i0.wp.com\/itayachtscanada.com\/wp-content\/uploads\/2025\/06\/Capture-decran-le-2025-06-19-a-13.27.37.jpg?fit=700%2C457&#038;ssl=1\" src=\"https:\/\/i0.wp.com\/itayachtscanada.com\/wp-content\/uploads\/2025\/06\/Capture-decran-le-2025-06-19-a-13.27.37.jpg?w=229&#038;h=150&#038;ssl=1\" srcset=\"https:\/\/i0.wp.com\/itayachtscanada.com\/wp-content\/uploads\/2025\/06\/Capture-decran-le-2025-06-19-a-13.27.37.jpg?w=1472&amp;ssl=1 1472w, https:\/\/i0.wp.com\/itayachtscanada.com\/wp-content\/uploads\/2025\/06\/Capture-decran-le-2025-06-19-a-13.27.37.jpg?resize=300%2C196&amp;ssl=1 300w, https:\/\/i0.wp.com\/itayachtscanada.com\/wp-content\/uploads\/2025\/06\/Capture-decran-le-2025-06-19-a-13.27.37.jpg?resize=1024%2C669&amp;ssl=1 1024w, https:\/\/i0.wp.com\/itayachtscanada.com\/wp-content\/uploads\/2025\/06\/Capture-decran-le-2025-06-19-a-13.27.37.jpg?resize=768%2C502&amp;ssl=1 768w, https:\/\/i0.wp.com\/itayachtscanada.com\/wp-content\/uploads\/2025\/06\/Capture-decran-le-2025-06-19-a-13.27.37.jpg?resize=700%2C457&amp;ssl=1 700w, https:\/\/i0.wp.com\/itayachtscanada.com\/wp-content\/uploads\/2025\/06\/Capture-decran-le-2025-06-19-a-13.27.37.jpg?resize=612%2C400&amp;ssl=1 612w, https:\/\/i0.wp.com\/itayachtscanada.com\/wp-content\/uploads\/2025\/06\/Capture-decran-le-2025-06-19-a-13.27.37.jpg?w=1400&amp;ssl=1 1400w\" width=\"229\" height=\"150\" loading=\"lazy\" data-original-width=\"229\" data-original-height=\"150\" itemprop=\"http:\/\/schema.org\/image\" title=\"Capture d\u2019e\u0301cran, le 2025-06-19 a\u0300 13.27.37\" alt=\"Capture d\u2019e\u0301cran, le 2025-06-19 a\u0300 13.27.37\" style=\"width: 229px; height: 150px;\" \/> <\/a> <\/div> <div class=\"tiled-gallery-item tiled-gallery-item-small\" itemprop=\"associatedMedia\" itemscope itemtype=\"http:\/\/schema.org\/ImageObject\"> <a href=\"https:\/\/itayachtscanada.com\/fr\/listing\/princess-s62-2021-2299000-usd-for-sale\/capture-decran-le-2025-06-19-a-13-27-33\/\" border=\"0\" itemprop=\"url\"> <meta itemprop=\"width\" content=\"229\"> <meta itemprop=\"height\" content=\"149\"> <img decoding=\"async\" class=\"\" data-attachment-id=\"269064\" data-orig-file=\"https:\/\/itayachtscanada.com\/wp-content\/uploads\/2025\/06\/Capture-decran-le-2025-06-19-a-13.27.33.jpg\" data-orig-size=\"1472,962\" data-comments-opened=\"1\" data-image-meta=\"{&quot;aperture&quot;:&quot;0&quot;,&quot;credit&quot;:&quot;&quot;,&quot;camera&quot;:&quot;&quot;,&quot;caption&quot;:&quot;&quot;,&quot;created_timestamp&quot;:&quot;0&quot;,&quot;copyright&quot;:&quot;&quot;,&quot;focal_length&quot;:&quot;0&quot;,&quot;iso&quot;:&quot;0&quot;,&quot;shutter_speed&quot;:&quot;0&quot;,&quot;title&quot;:&quot;&quot;,&quot;orientation&quot;:&quot;0&quot;}\" data-image-title=\"Capture d\u2019e\u0301cran, le 2025-06-19 a\u0300 13.27.33\" data-image-description=\"\" data-medium-file=\"https:\/\/i0.wp.com\/itayachtscanada.com\/wp-content\/uploads\/2025\/06\/Capture-decran-le-2025-06-19-a-13.27.33.jpg?fit=300%2C196&#038;ssl=1\" data-large-file=\"https:\/\/i0.wp.com\/itayachtscanada.com\/wp-content\/uploads\/2025\/06\/Capture-decran-le-2025-06-19-a-13.27.33.jpg?fit=700%2C457&#038;ssl=1\" src=\"https:\/\/i0.wp.com\/itayachtscanada.com\/wp-content\/uploads\/2025\/06\/Capture-decran-le-2025-06-19-a-13.27.33.jpg?w=229&#038;h=149&#038;ssl=1\" srcset=\"https:\/\/i0.wp.com\/itayachtscanada.com\/wp-content\/uploads\/2025\/06\/Capture-decran-le-2025-06-19-a-13.27.33.jpg?w=1472&amp;ssl=1 1472w, https:\/\/i0.wp.com\/itayachtscanada.com\/wp-content\/uploads\/2025\/06\/Capture-decran-le-2025-06-19-a-13.27.33.jpg?resize=300%2C196&amp;ssl=1 300w, https:\/\/i0.wp.com\/itayachtscanada.com\/wp-content\/uploads\/2025\/06\/Capture-decran-le-2025-06-19-a-13.27.33.jpg?resize=1024%2C669&amp;ssl=1 1024w, https:\/\/i0.wp.com\/itayachtscanada.com\/wp-content\/uploads\/2025\/06\/Capture-decran-le-2025-06-19-a-13.27.33.jpg?resize=768%2C502&amp;ssl=1 768w, https:\/\/i0.wp.com\/itayachtscanada.com\/wp-content\/uploads\/2025\/06\/Capture-decran-le-2025-06-19-a-13.27.33.jpg?resize=700%2C457&amp;ssl=1 700w, https:\/\/i0.wp.com\/itayachtscanada.com\/wp-content\/uploads\/2025\/06\/Capture-decran-le-2025-06-19-a-13.27.33.jpg?resize=612%2C400&amp;ssl=1 612w, https:\/\/i0.wp.com\/itayachtscanada.com\/wp-content\/uploads\/2025\/06\/Capture-decran-le-2025-06-19-a-13.27.33.jpg?w=1400&amp;ssl=1 1400w\" width=\"229\" height=\"149\" loading=\"lazy\" data-original-width=\"229\" data-original-height=\"149\" itemprop=\"http:\/\/schema.org\/image\" title=\"Capture d\u2019e\u0301cran, le 2025-06-19 a\u0300 13.27.33\" alt=\"Capture d\u2019e\u0301cran, le 2025-06-19 a\u0300 13.27.33\" style=\"width: 229px; height: 149px;\" \/> <\/a> <\/div> <\/div> <!-- close group --> <\/div> <!-- close row --> <div class=\"gallery-row\" style=\"width: 700px; height: 154px;\" data-original-width=\"700\" data-original-height=\"154\" > <div class=\"gallery-group images-1\" style=\"width: 234px; height: 154px;\" data-original-width=\"234\" data-original-height=\"154\" > <div class=\"tiled-gallery-item tiled-gallery-item-small\" itemprop=\"associatedMedia\" itemscope itemtype=\"http:\/\/schema.org\/ImageObject\"> <a href=\"https:\/\/itayachtscanada.com\/fr\/listing\/princess-s62-2021-2299000-usd-for-sale\/capture-decran-le-2025-06-19-a-13-27-30\/\" border=\"0\" itemprop=\"url\"> <meta itemprop=\"width\" content=\"230\"> <meta itemprop=\"height\" content=\"150\"> <img decoding=\"async\" class=\"\" data-attachment-id=\"269065\" data-orig-file=\"https:\/\/itayachtscanada.com\/wp-content\/uploads\/2025\/06\/Capture-decran-le-2025-06-19-a-13.27.30.jpg\" data-orig-size=\"1472,962\" data-comments-opened=\"1\" data-image-meta=\"{&quot;aperture&quot;:&quot;0&quot;,&quot;credit&quot;:&quot;&quot;,&quot;camera&quot;:&quot;&quot;,&quot;caption&quot;:&quot;&quot;,&quot;created_timestamp&quot;:&quot;0&quot;,&quot;copyright&quot;:&quot;&quot;,&quot;focal_length&quot;:&quot;0&quot;,&quot;iso&quot;:&quot;0&quot;,&quot;shutter_speed&quot;:&quot;0&quot;,&quot;title&quot;:&quot;&quot;,&quot;orientation&quot;:&quot;0&quot;}\" data-image-title=\"Capture d\u2019e\u0301cran, le 2025-06-19 a\u0300 13.27.30\" data-image-description=\"\" data-medium-file=\"https:\/\/i0.wp.com\/itayachtscanada.com\/wp-content\/uploads\/2025\/06\/Capture-decran-le-2025-06-19-a-13.27.30.jpg?fit=300%2C196&#038;ssl=1\" data-large-file=\"https:\/\/i0.wp.com\/itayachtscanada.com\/wp-content\/uploads\/2025\/06\/Capture-decran-le-2025-06-19-a-13.27.30.jpg?fit=700%2C457&#038;ssl=1\" src=\"https:\/\/i0.wp.com\/itayachtscanada.com\/wp-content\/uploads\/2025\/06\/Capture-decran-le-2025-06-19-a-13.27.30.jpg?w=230&#038;h=150&#038;ssl=1\" srcset=\"https:\/\/i0.wp.com\/itayachtscanada.com\/wp-content\/uploads\/2025\/06\/Capture-decran-le-2025-06-19-a-13.27.30.jpg?w=1472&amp;ssl=1 1472w, https:\/\/i0.wp.com\/itayachtscanada.com\/wp-content\/uploads\/2025\/06\/Capture-decran-le-2025-06-19-a-13.27.30.jpg?resize=300%2C196&amp;ssl=1 300w, https:\/\/i0.wp.com\/itayachtscanada.com\/wp-content\/uploads\/2025\/06\/Capture-decran-le-2025-06-19-a-13.27.30.jpg?resize=1024%2C669&amp;ssl=1 1024w, https:\/\/i0.wp.com\/itayachtscanada.com\/wp-content\/uploads\/2025\/06\/Capture-decran-le-2025-06-19-a-13.27.30.jpg?resize=768%2C502&amp;ssl=1 768w, https:\/\/i0.wp.com\/itayachtscanada.com\/wp-content\/uploads\/2025\/06\/Capture-decran-le-2025-06-19-a-13.27.30.jpg?resize=700%2C457&amp;ssl=1 700w, https:\/\/i0.wp.com\/itayachtscanada.com\/wp-content\/uploads\/2025\/06\/Capture-decran-le-2025-06-19-a-13.27.30.jpg?resize=612%2C400&amp;ssl=1 612w, https:\/\/i0.wp.com\/itayachtscanada.com\/wp-content\/uploads\/2025\/06\/Capture-decran-le-2025-06-19-a-13.27.30.jpg?w=1400&amp;ssl=1 1400w\" width=\"230\" height=\"150\" loading=\"lazy\" data-original-width=\"230\" data-original-height=\"150\" itemprop=\"http:\/\/schema.org\/image\" title=\"Capture d\u2019e\u0301cran, le 2025-06-19 a\u0300 13.27.30\" alt=\"Capture d\u2019e\u0301cran, le 2025-06-19 a\u0300 13.27.30\" style=\"width: 230px; height: 150px;\" \/> <\/a> <\/div> <\/div> <!-- close group --> <div class=\"gallery-group images-1\" style=\"width: 233px; height: 154px;\" data-original-width=\"233\" data-original-height=\"154\" > <div class=\"tiled-gallery-item tiled-gallery-item-small\" itemprop=\"associatedMedia\" itemscope itemtype=\"http:\/\/schema.org\/ImageObject\"> <a href=\"https:\/\/itayachtscanada.com\/fr\/listing\/princess-s62-2021-2299000-usd-for-sale\/capture-decran-le-2025-06-19-a-13-27-25\/\" border=\"0\" itemprop=\"url\"> <meta itemprop=\"width\" content=\"229\"> <meta itemprop=\"height\" content=\"150\"> <img decoding=\"async\" class=\"\" data-attachment-id=\"269066\" data-orig-file=\"https:\/\/itayachtscanada.com\/wp-content\/uploads\/2025\/06\/Capture-decran-le-2025-06-19-a-13.27.25.jpg\" data-orig-size=\"1472,962\" data-comments-opened=\"1\" data-image-meta=\"{&quot;aperture&quot;:&quot;0&quot;,&quot;credit&quot;:&quot;&quot;,&quot;camera&quot;:&quot;&quot;,&quot;caption&quot;:&quot;&quot;,&quot;created_timestamp&quot;:&quot;0&quot;,&quot;copyright&quot;:&quot;&quot;,&quot;focal_length&quot;:&quot;0&quot;,&quot;iso&quot;:&quot;0&quot;,&quot;shutter_speed&quot;:&quot;0&quot;,&quot;title&quot;:&quot;&quot;,&quot;orientation&quot;:&quot;0&quot;}\" data-image-title=\"Capture d\u2019e\u0301cran, le 2025-06-19 a\u0300 13.27.25\" data-image-description=\"\" data-medium-file=\"https:\/\/i0.wp.com\/itayachtscanada.com\/wp-content\/uploads\/2025\/06\/Capture-decran-le-2025-06-19-a-13.27.25.jpg?fit=300%2C196&#038;ssl=1\" data-large-file=\"https:\/\/i0.wp.com\/itayachtscanada.com\/wp-content\/uploads\/2025\/06\/Capture-decran-le-2025-06-19-a-13.27.25.jpg?fit=700%2C457&#038;ssl=1\" src=\"https:\/\/i0.wp.com\/itayachtscanada.com\/wp-content\/uploads\/2025\/06\/Capture-decran-le-2025-06-19-a-13.27.25.jpg?w=229&#038;h=150&#038;ssl=1\" srcset=\"https:\/\/i0.wp.com\/itayachtscanada.com\/wp-content\/uploads\/2025\/06\/Capture-decran-le-2025-06-19-a-13.27.25.jpg?w=1472&amp;ssl=1 1472w, https:\/\/i0.wp.com\/itayachtscanada.com\/wp-content\/uploads\/2025\/06\/Capture-decran-le-2025-06-19-a-13.27.25.jpg?resize=300%2C196&amp;ssl=1 300w, https:\/\/i0.wp.com\/itayachtscanada.com\/wp-content\/uploads\/2025\/06\/Capture-decran-le-2025-06-19-a-13.27.25.jpg?resize=1024%2C669&amp;ssl=1 1024w, https:\/\/i0.wp.com\/itayachtscanada.com\/wp-content\/uploads\/2025\/06\/Capture-decran-le-2025-06-19-a-13.27.25.jpg?resize=768%2C502&amp;ssl=1 768w, https:\/\/i0.wp.com\/itayachtscanada.com\/wp-content\/uploads\/2025\/06\/Capture-decran-le-2025-06-19-a-13.27.25.jpg?resize=700%2C457&amp;ssl=1 700w, https:\/\/i0.wp.com\/itayachtscanada.com\/wp-content\/uploads\/2025\/06\/Capture-decran-le-2025-06-19-a-13.27.25.jpg?resize=612%2C400&amp;ssl=1 612w, https:\/\/i0.wp.com\/itayachtscanada.com\/wp-content\/uploads\/2025\/06\/Capture-decran-le-2025-06-19-a-13.27.25.jpg?w=1400&amp;ssl=1 1400w\" width=\"229\" height=\"150\" loading=\"lazy\" data-original-width=\"229\" data-original-height=\"150\" itemprop=\"http:\/\/schema.org\/image\" title=\"Capture d\u2019e\u0301cran, le 2025-06-19 a\u0300 13.27.25\" alt=\"Capture d\u2019e\u0301cran, le 2025-06-19 a\u0300 13.27.25\" style=\"width: 229px; height: 150px;\" \/> <\/a> <\/div> <\/div> <!-- close group --> <div class=\"gallery-group images-1\" style=\"width: 233px; height: 154px;\" data-original-width=\"233\" data-original-height=\"154\" > <div class=\"tiled-gallery-item tiled-gallery-item-small\" itemprop=\"associatedMedia\" itemscope itemtype=\"http:\/\/schema.org\/ImageObject\"> <a href=\"https:\/\/itayachtscanada.com\/fr\/listing\/princess-s62-2021-2299000-usd-for-sale\/capture-decran-le-2025-06-19-a-13-27-15\/\" border=\"0\" itemprop=\"url\"> <meta itemprop=\"width\" content=\"229\"> <meta itemprop=\"height\" content=\"150\"> <img decoding=\"async\" class=\"\" data-attachment-id=\"269067\" data-orig-file=\"https:\/\/itayachtscanada.com\/wp-content\/uploads\/2025\/06\/Capture-decran-le-2025-06-19-a-13.27.15.jpg\" data-orig-size=\"1472,962\" data-comments-opened=\"1\" data-image-meta=\"{&quot;aperture&quot;:&quot;0&quot;,&quot;credit&quot;:&quot;&quot;,&quot;camera&quot;:&quot;&quot;,&quot;caption&quot;:&quot;&quot;,&quot;created_timestamp&quot;:&quot;0&quot;,&quot;copyright&quot;:&quot;&quot;,&quot;focal_length&quot;:&quot;0&quot;,&quot;iso&quot;:&quot;0&quot;,&quot;shutter_speed&quot;:&quot;0&quot;,&quot;title&quot;:&quot;&quot;,&quot;orientation&quot;:&quot;0&quot;}\" data-image-title=\"Capture d\u2019e\u0301cran, le 2025-06-19 a\u0300 13.27.15\" data-image-description=\"\" data-medium-file=\"https:\/\/i0.wp.com\/itayachtscanada.com\/wp-content\/uploads\/2025\/06\/Capture-decran-le-2025-06-19-a-13.27.15.jpg?fit=300%2C196&#038;ssl=1\" data-large-file=\"https:\/\/i0.wp.com\/itayachtscanada.com\/wp-content\/uploads\/2025\/06\/Capture-decran-le-2025-06-19-a-13.27.15.jpg?fit=700%2C457&#038;ssl=1\" src=\"https:\/\/i0.wp.com\/itayachtscanada.com\/wp-content\/uploads\/2025\/06\/Capture-decran-le-2025-06-19-a-13.27.15.jpg?w=229&#038;h=150&#038;ssl=1\" srcset=\"https:\/\/i0.wp.com\/itayachtscanada.com\/wp-content\/uploads\/2025\/06\/Capture-decran-le-2025-06-19-a-13.27.15.jpg?w=1472&amp;ssl=1 1472w, https:\/\/i0.wp.com\/itayachtscanada.com\/wp-content\/uploads\/2025\/06\/Capture-decran-le-2025-06-19-a-13.27.15.jpg?resize=300%2C196&amp;ssl=1 300w, https:\/\/i0.wp.com\/itayachtscanada.com\/wp-content\/uploads\/2025\/06\/Capture-decran-le-2025-06-19-a-13.27.15.jpg?resize=1024%2C669&amp;ssl=1 1024w, https:\/\/i0.wp.com\/itayachtscanada.com\/wp-content\/uploads\/2025\/06\/Capture-decran-le-2025-06-19-a-13.27.15.jpg?resize=768%2C502&amp;ssl=1 768w, https:\/\/i0.wp.com\/itayachtscanada.com\/wp-content\/uploads\/2025\/06\/Capture-decran-le-2025-06-19-a-13.27.15.jpg?resize=700%2C457&amp;ssl=1 700w, https:\/\/i0.wp.com\/itayachtscanada.com\/wp-content\/uploads\/2025\/06\/Capture-decran-le-2025-06-19-a-13.27.15.jpg?resize=612%2C400&amp;ssl=1 612w, https:\/\/i0.wp.com\/itayachtscanada.com\/wp-content\/uploads\/2025\/06\/Capture-decran-le-2025-06-19-a-13.27.15.jpg?w=1400&amp;ssl=1 1400w\" width=\"229\" height=\"150\" loading=\"lazy\" data-original-width=\"229\" data-original-height=\"150\" itemprop=\"http:\/\/schema.org\/image\" title=\"Capture d\u2019e\u0301cran, le 2025-06-19 a\u0300 13.27.15\" alt=\"Capture d\u2019e\u0301cran, le 2025-06-19 a\u0300 13.27.15\" style=\"width: 229px; height: 150px;\" \/> <\/a> <\/div> <\/div> <!-- close group --> <\/div> <!-- close row --> <div class=\"gallery-row\" style=\"width: 700px; height: 210px;\" data-original-width=\"700\" data-original-height=\"210\" > <div class=\"gallery-group images-1\" style=\"width: 380px; height: 210px;\" data-original-width=\"380\" data-original-height=\"210\" > <div class=\"tiled-gallery-item tiled-gallery-item-large\" itemprop=\"associatedMedia\" itemscope itemtype=\"http:\/\/schema.org\/ImageObject\"> <a href=\"https:\/\/itayachtscanada.com\/fr\/listing\/princess-s62-2021-2299000-usd-for-sale\/capture-decran-le-2025-06-19-a-13-28-51\/\" border=\"0\" itemprop=\"url\"> <meta itemprop=\"width\" content=\"376\"> <meta itemprop=\"height\" content=\"206\"> <img decoding=\"async\" class=\"\" data-attachment-id=\"269046\" data-orig-file=\"https:\/\/itayachtscanada.com\/wp-content\/uploads\/2025\/06\/Capture-decran-le-2025-06-19-a-13.28.51.jpg\" data-orig-size=\"1752,962\" data-comments-opened=\"1\" data-image-meta=\"{&quot;aperture&quot;:&quot;0&quot;,&quot;credit&quot;:&quot;&quot;,&quot;camera&quot;:&quot;&quot;,&quot;caption&quot;:&quot;&quot;,&quot;created_timestamp&quot;:&quot;0&quot;,&quot;copyright&quot;:&quot;&quot;,&quot;focal_length&quot;:&quot;0&quot;,&quot;iso&quot;:&quot;0&quot;,&quot;shutter_speed&quot;:&quot;0&quot;,&quot;title&quot;:&quot;&quot;,&quot;orientation&quot;:&quot;0&quot;}\" data-image-title=\"Capture d\u2019e\u0301cran, le 2025-06-19 a\u0300 13.28.51\" data-image-description=\"\" data-medium-file=\"https:\/\/i0.wp.com\/itayachtscanada.com\/wp-content\/uploads\/2025\/06\/Capture-decran-le-2025-06-19-a-13.28.51.jpg?fit=300%2C165&#038;ssl=1\" data-large-file=\"https:\/\/i0.wp.com\/itayachtscanada.com\/wp-content\/uploads\/2025\/06\/Capture-decran-le-2025-06-19-a-13.28.51.jpg?fit=700%2C384&#038;ssl=1\" src=\"https:\/\/i0.wp.com\/itayachtscanada.com\/wp-content\/uploads\/2025\/06\/Capture-decran-le-2025-06-19-a-13.28.51.jpg?w=376&#038;h=206&#038;ssl=1\" srcset=\"https:\/\/i0.wp.com\/itayachtscanada.com\/wp-content\/uploads\/2025\/06\/Capture-decran-le-2025-06-19-a-13.28.51.jpg?w=1752&amp;ssl=1 1752w, https:\/\/i0.wp.com\/itayachtscanada.com\/wp-content\/uploads\/2025\/06\/Capture-decran-le-2025-06-19-a-13.28.51.jpg?resize=300%2C165&amp;ssl=1 300w, https:\/\/i0.wp.com\/itayachtscanada.com\/wp-content\/uploads\/2025\/06\/Capture-decran-le-2025-06-19-a-13.28.51.jpg?resize=1024%2C562&amp;ssl=1 1024w, https:\/\/i0.wp.com\/itayachtscanada.com\/wp-content\/uploads\/2025\/06\/Capture-decran-le-2025-06-19-a-13.28.51.jpg?resize=768%2C422&amp;ssl=1 768w, https:\/\/i0.wp.com\/itayachtscanada.com\/wp-content\/uploads\/2025\/06\/Capture-decran-le-2025-06-19-a-13.28.51.jpg?resize=1536%2C843&amp;ssl=1 1536w, https:\/\/i0.wp.com\/itayachtscanada.com\/wp-content\/uploads\/2025\/06\/Capture-decran-le-2025-06-19-a-13.28.51.jpg?resize=700%2C384&amp;ssl=1 700w, https:\/\/i0.wp.com\/itayachtscanada.com\/wp-content\/uploads\/2025\/06\/Capture-decran-le-2025-06-19-a-13.28.51.jpg?resize=728%2C400&amp;ssl=1 728w, https:\/\/i0.wp.com\/itayachtscanada.com\/wp-content\/uploads\/2025\/06\/Capture-decran-le-2025-06-19-a-13.28.51.jpg?w=1400&amp;ssl=1 1400w\" width=\"376\" height=\"206\" loading=\"lazy\" data-original-width=\"376\" data-original-height=\"206\" itemprop=\"http:\/\/schema.org\/image\" title=\"Capture d\u2019e\u0301cran, le 2025-06-19 a\u0300 13.28.51\" alt=\"Capture d\u2019e\u0301cran, le 2025-06-19 a\u0300 13.28.51\" style=\"width: 376px; height: 206px;\" \/> <\/a> <\/div> <\/div> <!-- close group --> <div class=\"gallery-group images-1\" style=\"width: 320px; height: 210px;\" data-original-width=\"320\" data-original-height=\"210\" > <div class=\"tiled-gallery-item tiled-gallery-item-large\" itemprop=\"associatedMedia\" itemscope itemtype=\"http:\/\/schema.org\/ImageObject\"> <a href=\"https:\/\/itayachtscanada.com\/fr\/listing\/princess-s62-2021-2299000-usd-for-sale\/capture-decran-le-2025-06-19-a-13-27-05\/\" border=\"0\" itemprop=\"url\"> <meta itemprop=\"width\" content=\"316\"> <meta itemprop=\"height\" content=\"206\"> <img decoding=\"async\" class=\"\" data-attachment-id=\"269069\" data-orig-file=\"https:\/\/itayachtscanada.com\/wp-content\/uploads\/2025\/06\/Capture-decran-le-2025-06-19-a-13.27.05.jpg\" data-orig-size=\"1472,962\" data-comments-opened=\"1\" data-image-meta=\"{&quot;aperture&quot;:&quot;0&quot;,&quot;credit&quot;:&quot;&quot;,&quot;camera&quot;:&quot;&quot;,&quot;caption&quot;:&quot;&quot;,&quot;created_timestamp&quot;:&quot;0&quot;,&quot;copyright&quot;:&quot;&quot;,&quot;focal_length&quot;:&quot;0&quot;,&quot;iso&quot;:&quot;0&quot;,&quot;shutter_speed&quot;:&quot;0&quot;,&quot;title&quot;:&quot;&quot;,&quot;orientation&quot;:&quot;0&quot;}\" data-image-title=\"Capture d\u2019e\u0301cran, le 2025-06-19 a\u0300 13.27.05\" data-image-description=\"\" data-medium-file=\"https:\/\/i0.wp.com\/itayachtscanada.com\/wp-content\/uploads\/2025\/06\/Capture-decran-le-2025-06-19-a-13.27.05.jpg?fit=300%2C196&#038;ssl=1\" data-large-file=\"https:\/\/i0.wp.com\/itayachtscanada.com\/wp-content\/uploads\/2025\/06\/Capture-decran-le-2025-06-19-a-13.27.05.jpg?fit=700%2C457&#038;ssl=1\" src=\"https:\/\/i0.wp.com\/itayachtscanada.com\/wp-content\/uploads\/2025\/06\/Capture-decran-le-2025-06-19-a-13.27.05.jpg?w=316&#038;h=206&#038;ssl=1\" srcset=\"https:\/\/i0.wp.com\/itayachtscanada.com\/wp-content\/uploads\/2025\/06\/Capture-decran-le-2025-06-19-a-13.27.05.jpg?w=1472&amp;ssl=1 1472w, https:\/\/i0.wp.com\/itayachtscanada.com\/wp-content\/uploads\/2025\/06\/Capture-decran-le-2025-06-19-a-13.27.05.jpg?resize=300%2C196&amp;ssl=1 300w, https:\/\/i0.wp.com\/itayachtscanada.com\/wp-content\/uploads\/2025\/06\/Capture-decran-le-2025-06-19-a-13.27.05.jpg?resize=1024%2C669&amp;ssl=1 1024w, https:\/\/i0.wp.com\/itayachtscanada.com\/wp-content\/uploads\/2025\/06\/Capture-decran-le-2025-06-19-a-13.27.05.jpg?resize=768%2C502&amp;ssl=1 768w, https:\/\/i0.wp.com\/itayachtscanada.com\/wp-content\/uploads\/2025\/06\/Capture-decran-le-2025-06-19-a-13.27.05.jpg?resize=700%2C457&amp;ssl=1 700w, https:\/\/i0.wp.com\/itayachtscanada.com\/wp-content\/uploads\/2025\/06\/Capture-decran-le-2025-06-19-a-13.27.05.jpg?resize=612%2C400&amp;ssl=1 612w, https:\/\/i0.wp.com\/itayachtscanada.com\/wp-content\/uploads\/2025\/06\/Capture-decran-le-2025-06-19-a-13.27.05.jpg?w=1400&amp;ssl=1 1400w\" width=\"316\" height=\"206\" loading=\"lazy\" data-original-width=\"316\" data-original-height=\"206\" itemprop=\"http:\/\/schema.org\/image\" title=\"Capture d\u2019e\u0301cran, le 2025-06-19 a\u0300 13.27.05\" alt=\"Capture d\u2019e\u0301cran, le 2025-06-19 a\u0300 13.27.05\" style=\"width: 316px; height: 206px;\" \/> <\/a> <\/div> <\/div> <!-- close group --> <\/div> <!-- close row --> <div class=\"gallery-row\" style=\"width: 700px; height: 307px;\" data-original-width=\"700\" data-original-height=\"307\" > <div class=\"gallery-group images-2\" style=\"width: 233px; height: 307px;\" data-original-width=\"233\" data-original-height=\"307\" > <div class=\"tiled-gallery-item tiled-gallery-item-small\" itemprop=\"associatedMedia\" itemscope itemtype=\"http:\/\/schema.org\/ImageObject\"> <a href=\"https:\/\/itayachtscanada.com\/fr\/listing\/princess-s62-2021-2299000-usd-for-sale\/capture-decran-le-2025-06-19-a-13-27-01\/\" border=\"0\" itemprop=\"url\"> <meta itemprop=\"width\" content=\"229\"> <meta itemprop=\"height\" content=\"150\"> <img decoding=\"async\" class=\"\" data-attachment-id=\"269070\" data-orig-file=\"https:\/\/itayachtscanada.com\/wp-content\/uploads\/2025\/06\/Capture-decran-le-2025-06-19-a-13.27.01.jpg\" data-orig-size=\"1472,962\" data-comments-opened=\"1\" data-image-meta=\"{&quot;aperture&quot;:&quot;0&quot;,&quot;credit&quot;:&quot;&quot;,&quot;camera&quot;:&quot;&quot;,&quot;caption&quot;:&quot;&quot;,&quot;created_timestamp&quot;:&quot;0&quot;,&quot;copyright&quot;:&quot;&quot;,&quot;focal_length&quot;:&quot;0&quot;,&quot;iso&quot;:&quot;0&quot;,&quot;shutter_speed&quot;:&quot;0&quot;,&quot;title&quot;:&quot;&quot;,&quot;orientation&quot;:&quot;0&quot;}\" data-image-title=\"Capture d\u2019e\u0301cran, le 2025-06-19 a\u0300 13.27.01\" data-image-description=\"\" data-medium-file=\"https:\/\/i0.wp.com\/itayachtscanada.com\/wp-content\/uploads\/2025\/06\/Capture-decran-le-2025-06-19-a-13.27.01.jpg?fit=300%2C196&#038;ssl=1\" data-large-file=\"https:\/\/i0.wp.com\/itayachtscanada.com\/wp-content\/uploads\/2025\/06\/Capture-decran-le-2025-06-19-a-13.27.01.jpg?fit=700%2C457&#038;ssl=1\" src=\"https:\/\/i0.wp.com\/itayachtscanada.com\/wp-content\/uploads\/2025\/06\/Capture-decran-le-2025-06-19-a-13.27.01.jpg?w=229&#038;h=150&#038;ssl=1\" srcset=\"https:\/\/i0.wp.com\/itayachtscanada.com\/wp-content\/uploads\/2025\/06\/Capture-decran-le-2025-06-19-a-13.27.01.jpg?w=1472&amp;ssl=1 1472w, https:\/\/i0.wp.com\/itayachtscanada.com\/wp-content\/uploads\/2025\/06\/Capture-decran-le-2025-06-19-a-13.27.01.jpg?resize=300%2C196&amp;ssl=1 300w, https:\/\/i0.wp.com\/itayachtscanada.com\/wp-content\/uploads\/2025\/06\/Capture-decran-le-2025-06-19-a-13.27.01.jpg?resize=1024%2C669&amp;ssl=1 1024w, https:\/\/i0.wp.com\/itayachtscanada.com\/wp-content\/uploads\/2025\/06\/Capture-decran-le-2025-06-19-a-13.27.01.jpg?resize=768%2C502&amp;ssl=1 768w, https:\/\/i0.wp.com\/itayachtscanada.com\/wp-content\/uploads\/2025\/06\/Capture-decran-le-2025-06-19-a-13.27.01.jpg?resize=700%2C457&amp;ssl=1 700w, https:\/\/i0.wp.com\/itayachtscanada.com\/wp-content\/uploads\/2025\/06\/Capture-decran-le-2025-06-19-a-13.27.01.jpg?resize=612%2C400&amp;ssl=1 612w, https:\/\/i0.wp.com\/itayachtscanada.com\/wp-content\/uploads\/2025\/06\/Capture-decran-le-2025-06-19-a-13.27.01.jpg?w=1400&amp;ssl=1 1400w\" width=\"229\" height=\"150\" loading=\"lazy\" data-original-width=\"229\" data-original-height=\"150\" itemprop=\"http:\/\/schema.org\/image\" title=\"Capture d\u2019e\u0301cran, le 2025-06-19 a\u0300 13.27.01\" alt=\"Capture d\u2019e\u0301cran, le 2025-06-19 a\u0300 13.27.01\" style=\"width: 229px; height: 150px;\" \/> <\/a> <\/div> <div class=\"tiled-gallery-item tiled-gallery-item-small\" itemprop=\"associatedMedia\" itemscope itemtype=\"http:\/\/schema.org\/ImageObject\"> <a href=\"https:\/\/itayachtscanada.com\/fr\/listing\/princess-s62-2021-2299000-usd-for-sale\/capture-decran-le-2025-06-19-a-13-27-51\/\" border=\"0\" itemprop=\"url\"> <meta itemprop=\"width\" content=\"229\"> <meta itemprop=\"height\" content=\"149\"> <img decoding=\"async\" class=\"\" data-attachment-id=\"269059\" data-orig-file=\"https:\/\/itayachtscanada.com\/wp-content\/uploads\/2025\/06\/Capture-decran-le-2025-06-19-a-13.27.51.jpg\" data-orig-size=\"1472,962\" data-comments-opened=\"1\" data-image-meta=\"{&quot;aperture&quot;:&quot;0&quot;,&quot;credit&quot;:&quot;&quot;,&quot;camera&quot;:&quot;&quot;,&quot;caption&quot;:&quot;&quot;,&quot;created_timestamp&quot;:&quot;0&quot;,&quot;copyright&quot;:&quot;&quot;,&quot;focal_length&quot;:&quot;0&quot;,&quot;iso&quot;:&quot;0&quot;,&quot;shutter_speed&quot;:&quot;0&quot;,&quot;title&quot;:&quot;&quot;,&quot;orientation&quot;:&quot;0&quot;}\" data-image-title=\"Capture d\u2019e\u0301cran, le 2025-06-19 a\u0300 13.27.51\" data-image-description=\"\" data-medium-file=\"https:\/\/i0.wp.com\/itayachtscanada.com\/wp-content\/uploads\/2025\/06\/Capture-decran-le-2025-06-19-a-13.27.51.jpg?fit=300%2C196&#038;ssl=1\" data-large-file=\"https:\/\/i0.wp.com\/itayachtscanada.com\/wp-content\/uploads\/2025\/06\/Capture-decran-le-2025-06-19-a-13.27.51.jpg?fit=700%2C457&#038;ssl=1\" src=\"https:\/\/i0.wp.com\/itayachtscanada.com\/wp-content\/uploads\/2025\/06\/Capture-decran-le-2025-06-19-a-13.27.51.jpg?w=229&#038;h=149&#038;ssl=1\" srcset=\"https:\/\/i0.wp.com\/itayachtscanada.com\/wp-content\/uploads\/2025\/06\/Capture-decran-le-2025-06-19-a-13.27.51.jpg?w=1472&amp;ssl=1 1472w, https:\/\/i0.wp.com\/itayachtscanada.com\/wp-content\/uploads\/2025\/06\/Capture-decran-le-2025-06-19-a-13.27.51.jpg?resize=300%2C196&amp;ssl=1 300w, https:\/\/i0.wp.com\/itayachtscanada.com\/wp-content\/uploads\/2025\/06\/Capture-decran-le-2025-06-19-a-13.27.51.jpg?resize=1024%2C669&amp;ssl=1 1024w, https:\/\/i0.wp.com\/itayachtscanada.com\/wp-content\/uploads\/2025\/06\/Capture-decran-le-2025-06-19-a-13.27.51.jpg?resize=768%2C502&amp;ssl=1 768w, https:\/\/i0.wp.com\/itayachtscanada.com\/wp-content\/uploads\/2025\/06\/Capture-decran-le-2025-06-19-a-13.27.51.jpg?resize=700%2C457&amp;ssl=1 700w, https:\/\/i0.wp.com\/itayachtscanada.com\/wp-content\/uploads\/2025\/06\/Capture-decran-le-2025-06-19-a-13.27.51.jpg?resize=612%2C400&amp;ssl=1 612w, https:\/\/i0.wp.com\/itayachtscanada.com\/wp-content\/uploads\/2025\/06\/Capture-decran-le-2025-06-19-a-13.27.51.jpg?w=1400&amp;ssl=1 1400w\" width=\"229\" height=\"149\" loading=\"lazy\" data-original-width=\"229\" data-original-height=\"149\" itemprop=\"http:\/\/schema.org\/image\" title=\"Capture d\u2019e\u0301cran, le 2025-06-19 a\u0300 13.27.51\" alt=\"Capture d\u2019e\u0301cran, le 2025-06-19 a\u0300 13.27.51\" style=\"width: 229px; height: 149px;\" \/> <\/a> <\/div> <\/div> <!-- close group --> <div class=\"gallery-group images-1\" style=\"width: 467px; height: 307px;\" data-original-width=\"467\" data-original-height=\"307\" > <div class=\"tiled-gallery-item tiled-gallery-item-large\" itemprop=\"associatedMedia\" itemscope itemtype=\"http:\/\/schema.org\/ImageObject\"> <a href=\"https:\/\/itayachtscanada.com\/fr\/listing\/princess-s62-2021-2299000-usd-for-sale\/capture-decran-le-2025-06-19-a-13-27-11\/\" border=\"0\" itemprop=\"url\"> <meta itemprop=\"width\" content=\"463\"> <meta itemprop=\"height\" content=\"303\"> <img decoding=\"async\" class=\"\" data-attachment-id=\"269068\" data-orig-file=\"https:\/\/itayachtscanada.com\/wp-content\/uploads\/2025\/06\/Capture-decran-le-2025-06-19-a-13.27.11.jpg\" data-orig-size=\"1472,962\" data-comments-opened=\"1\" data-image-meta=\"{&quot;aperture&quot;:&quot;0&quot;,&quot;credit&quot;:&quot;&quot;,&quot;camera&quot;:&quot;&quot;,&quot;caption&quot;:&quot;&quot;,&quot;created_timestamp&quot;:&quot;0&quot;,&quot;copyright&quot;:&quot;&quot;,&quot;focal_length&quot;:&quot;0&quot;,&quot;iso&quot;:&quot;0&quot;,&quot;shutter_speed&quot;:&quot;0&quot;,&quot;title&quot;:&quot;&quot;,&quot;orientation&quot;:&quot;0&quot;}\" data-image-title=\"Capture d\u2019e\u0301cran, le 2025-06-19 a\u0300 13.27.11\" data-image-description=\"\" data-medium-file=\"https:\/\/i0.wp.com\/itayachtscanada.com\/wp-content\/uploads\/2025\/06\/Capture-decran-le-2025-06-19-a-13.27.11.jpg?fit=300%2C196&#038;ssl=1\" data-large-file=\"https:\/\/i0.wp.com\/itayachtscanada.com\/wp-content\/uploads\/2025\/06\/Capture-decran-le-2025-06-19-a-13.27.11.jpg?fit=700%2C457&#038;ssl=1\" src=\"https:\/\/i0.wp.com\/itayachtscanada.com\/wp-content\/uploads\/2025\/06\/Capture-decran-le-2025-06-19-a-13.27.11.jpg?w=463&#038;h=303&#038;ssl=1\" srcset=\"https:\/\/i0.wp.com\/itayachtscanada.com\/wp-content\/uploads\/2025\/06\/Capture-decran-le-2025-06-19-a-13.27.11.jpg?w=1472&amp;ssl=1 1472w, https:\/\/i0.wp.com\/itayachtscanada.com\/wp-content\/uploads\/2025\/06\/Capture-decran-le-2025-06-19-a-13.27.11.jpg?resize=300%2C196&amp;ssl=1 300w, https:\/\/i0.wp.com\/itayachtscanada.com\/wp-content\/uploads\/2025\/06\/Capture-decran-le-2025-06-19-a-13.27.11.jpg?resize=1024%2C669&amp;ssl=1 1024w, https:\/\/i0.wp.com\/itayachtscanada.com\/wp-content\/uploads\/2025\/06\/Capture-decran-le-2025-06-19-a-13.27.11.jpg?resize=768%2C502&amp;ssl=1 768w, https:\/\/i0.wp.com\/itayachtscanada.com\/wp-content\/uploads\/2025\/06\/Capture-decran-le-2025-06-19-a-13.27.11.jpg?resize=700%2C457&amp;ssl=1 700w, https:\/\/i0.wp.com\/itayachtscanada.com\/wp-content\/uploads\/2025\/06\/Capture-decran-le-2025-06-19-a-13.27.11.jpg?resize=612%2C400&amp;ssl=1 612w, https:\/\/i0.wp.com\/itayachtscanada.com\/wp-content\/uploads\/2025\/06\/Capture-decran-le-2025-06-19-a-13.27.11.jpg?w=1400&amp;ssl=1 1400w\" width=\"463\" height=\"303\" loading=\"lazy\" data-original-width=\"463\" data-original-height=\"303\" itemprop=\"http:\/\/schema.org\/image\" title=\"Capture d\u2019e\u0301cran, le 2025-06-19 a\u0300 13.27.11\" alt=\"Capture d\u2019e\u0301cran, le 2025-06-19 a\u0300 13.27.11\" style=\"width: 463px; height: 303px;\" \/> <\/a> <\/div> <\/div> <!-- close group --> <\/div> <!-- close row --> <div class=\"gallery-row\" style=\"width: 700px; height: 307px;\" data-original-width=\"700\" data-original-height=\"307\" > <div class=\"gallery-group images-1\" style=\"width: 467px; height: 307px;\" data-original-width=\"467\" data-original-height=\"307\" > <div class=\"tiled-gallery-item tiled-gallery-item-large\" itemprop=\"associatedMedia\" itemscope itemtype=\"http:\/\/schema.org\/ImageObject\"> <a href=\"https:\/\/itayachtscanada.com\/fr\/listing\/princess-s62-2021-2299000-usd-for-sale\/capture-decran-le-2025-06-19-a-13-28-30\/\" border=\"0\" itemprop=\"url\"> <meta itemprop=\"width\" content=\"463\"> <meta itemprop=\"height\" content=\"303\"> <img decoding=\"async\" class=\"\" data-attachment-id=\"269049\" data-orig-file=\"https:\/\/itayachtscanada.com\/wp-content\/uploads\/2025\/06\/Capture-decran-le-2025-06-19-a-13.28.30.jpg\" data-orig-size=\"1472,962\" data-comments-opened=\"1\" data-image-meta=\"{&quot;aperture&quot;:&quot;0&quot;,&quot;credit&quot;:&quot;&quot;,&quot;camera&quot;:&quot;&quot;,&quot;caption&quot;:&quot;&quot;,&quot;created_timestamp&quot;:&quot;0&quot;,&quot;copyright&quot;:&quot;&quot;,&quot;focal_length&quot;:&quot;0&quot;,&quot;iso&quot;:&quot;0&quot;,&quot;shutter_speed&quot;:&quot;0&quot;,&quot;title&quot;:&quot;&quot;,&quot;orientation&quot;:&quot;0&quot;}\" data-image-title=\"Capture d\u2019e\u0301cran, le 2025-06-19 a\u0300 13.28.30\" data-image-description=\"\" data-medium-file=\"https:\/\/i0.wp.com\/itayachtscanada.com\/wp-content\/uploads\/2025\/06\/Capture-decran-le-2025-06-19-a-13.28.30.jpg?fit=300%2C196&#038;ssl=1\" data-large-file=\"https:\/\/i0.wp.com\/itayachtscanada.com\/wp-content\/uploads\/2025\/06\/Capture-decran-le-2025-06-19-a-13.28.30.jpg?fit=700%2C457&#038;ssl=1\" src=\"https:\/\/i0.wp.com\/itayachtscanada.com\/wp-content\/uploads\/2025\/06\/Capture-decran-le-2025-06-19-a-13.28.30.jpg?w=463&#038;h=303&#038;ssl=1\" srcset=\"https:\/\/i0.wp.com\/itayachtscanada.com\/wp-content\/uploads\/2025\/06\/Capture-decran-le-2025-06-19-a-13.28.30.jpg?w=1472&amp;ssl=1 1472w, https:\/\/i0.wp.com\/itayachtscanada.com\/wp-content\/uploads\/2025\/06\/Capture-decran-le-2025-06-19-a-13.28.30.jpg?resize=300%2C196&amp;ssl=1 300w, https:\/\/i0.wp.com\/itayachtscanada.com\/wp-content\/uploads\/2025\/06\/Capture-decran-le-2025-06-19-a-13.28.30.jpg?resize=1024%2C669&amp;ssl=1 1024w, https:\/\/i0.wp.com\/itayachtscanada.com\/wp-content\/uploads\/2025\/06\/Capture-decran-le-2025-06-19-a-13.28.30.jpg?resize=768%2C502&amp;ssl=1 768w, https:\/\/i0.wp.com\/itayachtscanada.com\/wp-content\/uploads\/2025\/06\/Capture-decran-le-2025-06-19-a-13.28.30.jpg?resize=700%2C457&amp;ssl=1 700w, https:\/\/i0.wp.com\/itayachtscanada.com\/wp-content\/uploads\/2025\/06\/Capture-decran-le-2025-06-19-a-13.28.30.jpg?resize=612%2C400&amp;ssl=1 612w, https:\/\/i0.wp.com\/itayachtscanada.com\/wp-content\/uploads\/2025\/06\/Capture-decran-le-2025-06-19-a-13.28.30.jpg?w=1400&amp;ssl=1 1400w\" width=\"463\" height=\"303\" loading=\"lazy\" data-original-width=\"463\" data-original-height=\"303\" itemprop=\"http:\/\/schema.org\/image\" title=\"Capture d\u2019e\u0301cran, le 2025-06-19 a\u0300 13.28.30\" alt=\"Capture d\u2019e\u0301cran, le 2025-06-19 a\u0300 13.28.30\" style=\"width: 463px; height: 303px;\" \/> <\/a> <\/div> <\/div> <!-- close group --> <div class=\"gallery-group images-2\" style=\"width: 233px; height: 307px;\" data-original-width=\"233\" data-original-height=\"307\" > <div class=\"tiled-gallery-item tiled-gallery-item-small\" itemprop=\"associatedMedia\" itemscope itemtype=\"http:\/\/schema.org\/ImageObject\"> <a href=\"https:\/\/itayachtscanada.com\/fr\/listing\/princess-s62-2021-2299000-usd-for-sale\/capture-decran-le-2025-06-19-a-13-28-34\/\" border=\"0\" itemprop=\"url\"> <meta itemprop=\"width\" content=\"229\"> <meta itemprop=\"height\" content=\"150\"> <img decoding=\"async\" class=\"\" data-attachment-id=\"269048\" data-orig-file=\"https:\/\/itayachtscanada.com\/wp-content\/uploads\/2025\/06\/Capture-decran-le-2025-06-19-a-13.28.34.jpg\" data-orig-size=\"1472,962\" data-comments-opened=\"1\" data-image-meta=\"{&quot;aperture&quot;:&quot;0&quot;,&quot;credit&quot;:&quot;&quot;,&quot;camera&quot;:&quot;&quot;,&quot;caption&quot;:&quot;&quot;,&quot;created_timestamp&quot;:&quot;0&quot;,&quot;copyright&quot;:&quot;&quot;,&quot;focal_length&quot;:&quot;0&quot;,&quot;iso&quot;:&quot;0&quot;,&quot;shutter_speed&quot;:&quot;0&quot;,&quot;title&quot;:&quot;&quot;,&quot;orientation&quot;:&quot;0&quot;}\" data-image-title=\"Capture d\u2019e\u0301cran, le 2025-06-19 a\u0300 13.28.34\" data-image-description=\"\" data-medium-file=\"https:\/\/i0.wp.com\/itayachtscanada.com\/wp-content\/uploads\/2025\/06\/Capture-decran-le-2025-06-19-a-13.28.34.jpg?fit=300%2C196&#038;ssl=1\" data-large-file=\"https:\/\/i0.wp.com\/itayachtscanada.com\/wp-content\/uploads\/2025\/06\/Capture-decran-le-2025-06-19-a-13.28.34.jpg?fit=700%2C457&#038;ssl=1\" src=\"https:\/\/i0.wp.com\/itayachtscanada.com\/wp-content\/uploads\/2025\/06\/Capture-decran-le-2025-06-19-a-13.28.34.jpg?w=229&#038;h=150&#038;ssl=1\" srcset=\"https:\/\/i0.wp.com\/itayachtscanada.com\/wp-content\/uploads\/2025\/06\/Capture-decran-le-2025-06-19-a-13.28.34.jpg?w=1472&amp;ssl=1 1472w, https:\/\/i0.wp.com\/itayachtscanada.com\/wp-content\/uploads\/2025\/06\/Capture-decran-le-2025-06-19-a-13.28.34.jpg?resize=300%2C196&amp;ssl=1 300w, https:\/\/i0.wp.com\/itayachtscanada.com\/wp-content\/uploads\/2025\/06\/Capture-decran-le-2025-06-19-a-13.28.34.jpg?resize=1024%2C669&amp;ssl=1 1024w, https:\/\/i0.wp.com\/itayachtscanada.com\/wp-content\/uploads\/2025\/06\/Capture-decran-le-2025-06-19-a-13.28.34.jpg?resize=768%2C502&amp;ssl=1 768w, https:\/\/i0.wp.com\/itayachtscanada.com\/wp-content\/uploads\/2025\/06\/Capture-decran-le-2025-06-19-a-13.28.34.jpg?resize=700%2C457&amp;ssl=1 700w, https:\/\/i0.wp.com\/itayachtscanada.com\/wp-content\/uploads\/2025\/06\/Capture-decran-le-2025-06-19-a-13.28.34.jpg?resize=612%2C400&amp;ssl=1 612w, https:\/\/i0.wp.com\/itayachtscanada.com\/wp-content\/uploads\/2025\/06\/Capture-decran-le-2025-06-19-a-13.28.34.jpg?w=1400&amp;ssl=1 1400w\" width=\"229\" height=\"150\" loading=\"lazy\" data-original-width=\"229\" data-original-height=\"150\" itemprop=\"http:\/\/schema.org\/image\" title=\"Capture d\u2019e\u0301cran, le 2025-06-19 a\u0300 13.28.34\" alt=\"Capture d\u2019e\u0301cran, le 2025-06-19 a\u0300 13.28.34\" style=\"width: 229px; height: 150px;\" \/> <\/a> <\/div> <div class=\"tiled-gallery-item tiled-gallery-item-small\" itemprop=\"associatedMedia\" itemscope itemtype=\"http:\/\/schema.org\/ImageObject\"> <a href=\"https:\/\/itayachtscanada.com\/fr\/listing\/princess-s62-2021-2299000-usd-for-sale\/capture-decran-le-2025-06-19-a-13-28-26\/\" border=\"0\" itemprop=\"url\"> <meta itemprop=\"width\" content=\"229\"> <meta itemprop=\"height\" content=\"149\"> <img decoding=\"async\" class=\"\" data-attachment-id=\"269050\" data-orig-file=\"https:\/\/itayachtscanada.com\/wp-content\/uploads\/2025\/06\/Capture-decran-le-2025-06-19-a-13.28.26.jpg\" data-orig-size=\"1472,962\" data-comments-opened=\"1\" data-image-meta=\"{&quot;aperture&quot;:&quot;0&quot;,&quot;credit&quot;:&quot;&quot;,&quot;camera&quot;:&quot;&quot;,&quot;caption&quot;:&quot;&quot;,&quot;created_timestamp&quot;:&quot;0&quot;,&quot;copyright&quot;:&quot;&quot;,&quot;focal_length&quot;:&quot;0&quot;,&quot;iso&quot;:&quot;0&quot;,&quot;shutter_speed&quot;:&quot;0&quot;,&quot;title&quot;:&quot;&quot;,&quot;orientation&quot;:&quot;0&quot;}\" data-image-title=\"Capture d\u2019e\u0301cran, le 2025-06-19 a\u0300 13.28.26\" data-image-description=\"\" data-medium-file=\"https:\/\/i0.wp.com\/itayachtscanada.com\/wp-content\/uploads\/2025\/06\/Capture-decran-le-2025-06-19-a-13.28.26.jpg?fit=300%2C196&#038;ssl=1\" data-large-file=\"https:\/\/i0.wp.com\/itayachtscanada.com\/wp-content\/uploads\/2025\/06\/Capture-decran-le-2025-06-19-a-13.28.26.jpg?fit=700%2C457&#038;ssl=1\" src=\"https:\/\/i0.wp.com\/itayachtscanada.com\/wp-content\/uploads\/2025\/06\/Capture-decran-le-2025-06-19-a-13.28.26.jpg?w=229&#038;h=149&#038;ssl=1\" srcset=\"https:\/\/i0.wp.com\/itayachtscanada.com\/wp-content\/uploads\/2025\/06\/Capture-decran-le-2025-06-19-a-13.28.26.jpg?w=1472&amp;ssl=1 1472w, https:\/\/i0.wp.com\/itayachtscanada.com\/wp-content\/uploads\/2025\/06\/Capture-decran-le-2025-06-19-a-13.28.26.jpg?resize=300%2C196&amp;ssl=1 300w, https:\/\/i0.wp.com\/itayachtscanada.com\/wp-content\/uploads\/2025\/06\/Capture-decran-le-2025-06-19-a-13.28.26.jpg?resize=1024%2C669&amp;ssl=1 1024w, https:\/\/i0.wp.com\/itayachtscanada.com\/wp-content\/uploads\/2025\/06\/Capture-decran-le-2025-06-19-a-13.28.26.jpg?resize=768%2C502&amp;ssl=1 768w, https:\/\/i0.wp.com\/itayachtscanada.com\/wp-content\/uploads\/2025\/06\/Capture-decran-le-2025-06-19-a-13.28.26.jpg?resize=700%2C457&amp;ssl=1 700w, https:\/\/i0.wp.com\/itayachtscanada.com\/wp-content\/uploads\/2025\/06\/Capture-decran-le-2025-06-19-a-13.28.26.jpg?resize=612%2C400&amp;ssl=1 612w, https:\/\/i0.wp.com\/itayachtscanada.com\/wp-content\/uploads\/2025\/06\/Capture-decran-le-2025-06-19-a-13.28.26.jpg?w=1400&amp;ssl=1 1400w\" width=\"229\" height=\"149\" loading=\"lazy\" data-original-width=\"229\" data-original-height=\"149\" itemprop=\"http:\/\/schema.org\/image\" title=\"Capture d\u2019e\u0301cran, le 2025-06-19 a\u0300 13.28.26\" alt=\"Capture d\u2019e\u0301cran, le 2025-06-19 a\u0300 13.28.26\" style=\"width: 229px; height: 149px;\" \/> <\/a> <\/div> <\/div> <!-- close group --> <\/div> <!-- close row --> <div class=\"gallery-row\" style=\"width: 700px; height: 154px;\" data-original-width=\"700\" data-original-height=\"154\" > <div class=\"gallery-group images-1\" style=\"width: 234px; height: 154px;\" data-original-width=\"234\" data-original-height=\"154\" > <div class=\"tiled-gallery-item tiled-gallery-item-small\" itemprop=\"associatedMedia\" itemscope itemtype=\"http:\/\/schema.org\/ImageObject\"> <a href=\"https:\/\/itayachtscanada.com\/fr\/listing\/princess-s62-2021-2299000-usd-for-sale\/capture-decran-le-2025-06-19-a-13-28-22\/\" border=\"0\" itemprop=\"url\"> <meta itemprop=\"width\" content=\"230\"> <meta itemprop=\"height\" content=\"150\"> <img decoding=\"async\" class=\"\" data-attachment-id=\"269051\" data-orig-file=\"https:\/\/itayachtscanada.com\/wp-content\/uploads\/2025\/06\/Capture-decran-le-2025-06-19-a-13.28.22.jpg\" data-orig-size=\"1472,962\" data-comments-opened=\"1\" data-image-meta=\"{&quot;aperture&quot;:&quot;0&quot;,&quot;credit&quot;:&quot;&quot;,&quot;camera&quot;:&quot;&quot;,&quot;caption&quot;:&quot;&quot;,&quot;created_timestamp&quot;:&quot;0&quot;,&quot;copyright&quot;:&quot;&quot;,&quot;focal_length&quot;:&quot;0&quot;,&quot;iso&quot;:&quot;0&quot;,&quot;shutter_speed&quot;:&quot;0&quot;,&quot;title&quot;:&quot;&quot;,&quot;orientation&quot;:&quot;0&quot;}\" data-image-title=\"Capture d\u2019e\u0301cran, le 2025-06-19 a\u0300 13.28.22\" data-image-description=\"\" data-medium-file=\"https:\/\/i0.wp.com\/itayachtscanada.com\/wp-content\/uploads\/2025\/06\/Capture-decran-le-2025-06-19-a-13.28.22.jpg?fit=300%2C196&#038;ssl=1\" data-large-file=\"https:\/\/i0.wp.com\/itayachtscanada.com\/wp-content\/uploads\/2025\/06\/Capture-decran-le-2025-06-19-a-13.28.22.jpg?fit=700%2C457&#038;ssl=1\" src=\"https:\/\/i0.wp.com\/itayachtscanada.com\/wp-content\/uploads\/2025\/06\/Capture-decran-le-2025-06-19-a-13.28.22.jpg?w=230&#038;h=150&#038;ssl=1\" srcset=\"https:\/\/i0.wp.com\/itayachtscanada.com\/wp-content\/uploads\/2025\/06\/Capture-decran-le-2025-06-19-a-13.28.22.jpg?w=1472&amp;ssl=1 1472w, https:\/\/i0.wp.com\/itayachtscanada.com\/wp-content\/uploads\/2025\/06\/Capture-decran-le-2025-06-19-a-13.28.22.jpg?resize=300%2C196&amp;ssl=1 300w, https:\/\/i0.wp.com\/itayachtscanada.com\/wp-content\/uploads\/2025\/06\/Capture-decran-le-2025-06-19-a-13.28.22.jpg?resize=1024%2C669&amp;ssl=1 1024w, https:\/\/i0.wp.com\/itayachtscanada.com\/wp-content\/uploads\/2025\/06\/Capture-decran-le-2025-06-19-a-13.28.22.jpg?resize=768%2C502&amp;ssl=1 768w, https:\/\/i0.wp.com\/itayachtscanada.com\/wp-content\/uploads\/2025\/06\/Capture-decran-le-2025-06-19-a-13.28.22.jpg?resize=700%2C457&amp;ssl=1 700w, https:\/\/i0.wp.com\/itayachtscanada.com\/wp-content\/uploads\/2025\/06\/Capture-decran-le-2025-06-19-a-13.28.22.jpg?resize=612%2C400&amp;ssl=1 612w, https:\/\/i0.wp.com\/itayachtscanada.com\/wp-content\/uploads\/2025\/06\/Capture-decran-le-2025-06-19-a-13.28.22.jpg?w=1400&amp;ssl=1 1400w\" width=\"230\" height=\"150\" loading=\"lazy\" data-original-width=\"230\" data-original-height=\"150\" itemprop=\"http:\/\/schema.org\/image\" title=\"Capture d\u2019e\u0301cran, le 2025-06-19 a\u0300 13.28.22\" alt=\"Capture d\u2019e\u0301cran, le 2025-06-19 a\u0300 13.28.22\" style=\"width: 230px; height: 150px;\" \/> <\/a> <\/div> <\/div> <!-- close group --> <div class=\"gallery-group images-1\" style=\"width: 233px; height: 154px;\" data-original-width=\"233\" data-original-height=\"154\" > <div class=\"tiled-gallery-item tiled-gallery-item-small\" itemprop=\"associatedMedia\" itemscope itemtype=\"http:\/\/schema.org\/ImageObject\"> <a href=\"https:\/\/itayachtscanada.com\/fr\/listing\/princess-s62-2021-2299000-usd-for-sale\/capture-decran-le-2025-06-19-a-13-26-38\/\" border=\"0\" itemprop=\"url\"> <meta itemprop=\"width\" content=\"229\"> <meta itemprop=\"height\" content=\"150\"> <img decoding=\"async\" class=\"\" data-attachment-id=\"269077\" data-orig-file=\"https:\/\/itayachtscanada.com\/wp-content\/uploads\/2025\/06\/Capture-decran-le-2025-06-19-a-13.26.38.jpg\" data-orig-size=\"1472,962\" data-comments-opened=\"1\" data-image-meta=\"{&quot;aperture&quot;:&quot;0&quot;,&quot;credit&quot;:&quot;&quot;,&quot;camera&quot;:&quot;&quot;,&quot;caption&quot;:&quot;&quot;,&quot;created_timestamp&quot;:&quot;0&quot;,&quot;copyright&quot;:&quot;&quot;,&quot;focal_length&quot;:&quot;0&quot;,&quot;iso&quot;:&quot;0&quot;,&quot;shutter_speed&quot;:&quot;0&quot;,&quot;title&quot;:&quot;&quot;,&quot;orientation&quot;:&quot;0&quot;}\" data-image-title=\"Capture d\u2019e\u0301cran, le 2025-06-19 a\u0300 13.26.38\" data-image-description=\"\" data-medium-file=\"https:\/\/i0.wp.com\/itayachtscanada.com\/wp-content\/uploads\/2025\/06\/Capture-decran-le-2025-06-19-a-13.26.38.jpg?fit=300%2C196&#038;ssl=1\" data-large-file=\"https:\/\/i0.wp.com\/itayachtscanada.com\/wp-content\/uploads\/2025\/06\/Capture-decran-le-2025-06-19-a-13.26.38.jpg?fit=700%2C457&#038;ssl=1\" src=\"https:\/\/i0.wp.com\/itayachtscanada.com\/wp-content\/uploads\/2025\/06\/Capture-decran-le-2025-06-19-a-13.26.38.jpg?w=229&#038;h=150&#038;ssl=1\" srcset=\"https:\/\/i0.wp.com\/itayachtscanada.com\/wp-content\/uploads\/2025\/06\/Capture-decran-le-2025-06-19-a-13.26.38.jpg?w=1472&amp;ssl=1 1472w, https:\/\/i0.wp.com\/itayachtscanada.com\/wp-content\/uploads\/2025\/06\/Capture-decran-le-2025-06-19-a-13.26.38.jpg?resize=300%2C196&amp;ssl=1 300w, https:\/\/i0.wp.com\/itayachtscanada.com\/wp-content\/uploads\/2025\/06\/Capture-decran-le-2025-06-19-a-13.26.38.jpg?resize=1024%2C669&amp;ssl=1 1024w, https:\/\/i0.wp.com\/itayachtscanada.com\/wp-content\/uploads\/2025\/06\/Capture-decran-le-2025-06-19-a-13.26.38.jpg?resize=768%2C502&amp;ssl=1 768w, https:\/\/i0.wp.com\/itayachtscanada.com\/wp-content\/uploads\/2025\/06\/Capture-decran-le-2025-06-19-a-13.26.38.jpg?resize=700%2C457&amp;ssl=1 700w, https:\/\/i0.wp.com\/itayachtscanada.com\/wp-content\/uploads\/2025\/06\/Capture-decran-le-2025-06-19-a-13.26.38.jpg?resize=612%2C400&amp;ssl=1 612w, https:\/\/i0.wp.com\/itayachtscanada.com\/wp-content\/uploads\/2025\/06\/Capture-decran-le-2025-06-19-a-13.26.38.jpg?w=1400&amp;ssl=1 1400w\" width=\"229\" height=\"150\" loading=\"lazy\" data-original-width=\"229\" data-original-height=\"150\" itemprop=\"http:\/\/schema.org\/image\" title=\"Capture d\u2019e\u0301cran, le 2025-06-19 a\u0300 13.26.38\" alt=\"Capture d\u2019e\u0301cran, le 2025-06-19 a\u0300 13.26.38\" style=\"width: 229px; height: 150px;\" \/> <\/a> <\/div> <\/div> <!-- close group --> <div class=\"gallery-group images-1\" style=\"width: 233px; height: 154px;\" data-original-width=\"233\" data-original-height=\"154\" > <div class=\"tiled-gallery-item tiled-gallery-item-small\" itemprop=\"associatedMedia\" itemscope itemtype=\"http:\/\/schema.org\/ImageObject\"> <a href=\"https:\/\/itayachtscanada.com\/fr\/listing\/princess-s62-2021-2299000-usd-for-sale\/capture-decran-le-2025-06-19-a-13-27-55\/\" border=\"0\" itemprop=\"url\"> <meta itemprop=\"width\" content=\"229\"> <meta itemprop=\"height\" content=\"150\"> <img decoding=\"async\" class=\"\" data-attachment-id=\"269058\" data-orig-file=\"https:\/\/itayachtscanada.com\/wp-content\/uploads\/2025\/06\/Capture-decran-le-2025-06-19-a-13.27.55.jpg\" data-orig-size=\"1472,962\" data-comments-opened=\"1\" data-image-meta=\"{&quot;aperture&quot;:&quot;0&quot;,&quot;credit&quot;:&quot;&quot;,&quot;camera&quot;:&quot;&quot;,&quot;caption&quot;:&quot;&quot;,&quot;created_timestamp&quot;:&quot;0&quot;,&quot;copyright&quot;:&quot;&quot;,&quot;focal_length&quot;:&quot;0&quot;,&quot;iso&quot;:&quot;0&quot;,&quot;shutter_speed&quot;:&quot;0&quot;,&quot;title&quot;:&quot;&quot;,&quot;orientation&quot;:&quot;0&quot;}\" data-image-title=\"Capture d\u2019e\u0301cran, le 2025-06-19 a\u0300 13.27.55\" data-image-description=\"\" data-medium-file=\"https:\/\/i0.wp.com\/itayachtscanada.com\/wp-content\/uploads\/2025\/06\/Capture-decran-le-2025-06-19-a-13.27.55.jpg?fit=300%2C196&#038;ssl=1\" data-large-file=\"https:\/\/i0.wp.com\/itayachtscanada.com\/wp-content\/uploads\/2025\/06\/Capture-decran-le-2025-06-19-a-13.27.55.jpg?fit=700%2C457&#038;ssl=1\" src=\"https:\/\/i0.wp.com\/itayachtscanada.com\/wp-content\/uploads\/2025\/06\/Capture-decran-le-2025-06-19-a-13.27.55.jpg?w=229&#038;h=150&#038;ssl=1\" srcset=\"https:\/\/i0.wp.com\/itayachtscanada.com\/wp-content\/uploads\/2025\/06\/Capture-decran-le-2025-06-19-a-13.27.55.jpg?w=1472&amp;ssl=1 1472w, https:\/\/i0.wp.com\/itayachtscanada.com\/wp-content\/uploads\/2025\/06\/Capture-decran-le-2025-06-19-a-13.27.55.jpg?resize=300%2C196&amp;ssl=1 300w, https:\/\/i0.wp.com\/itayachtscanada.com\/wp-content\/uploads\/2025\/06\/Capture-decran-le-2025-06-19-a-13.27.55.jpg?resize=1024%2C669&amp;ssl=1 1024w, https:\/\/i0.wp.com\/itayachtscanada.com\/wp-content\/uploads\/2025\/06\/Capture-decran-le-2025-06-19-a-13.27.55.jpg?resize=768%2C502&amp;ssl=1 768w, https:\/\/i0.wp.com\/itayachtscanada.com\/wp-content\/uploads\/2025\/06\/Capture-decran-le-2025-06-19-a-13.27.55.jpg?resize=700%2C457&amp;ssl=1 700w, https:\/\/i0.wp.com\/itayachtscanada.com\/wp-content\/uploads\/2025\/06\/Capture-decran-le-2025-06-19-a-13.27.55.jpg?resize=612%2C400&amp;ssl=1 612w, https:\/\/i0.wp.com\/itayachtscanada.com\/wp-content\/uploads\/2025\/06\/Capture-decran-le-2025-06-19-a-13.27.55.jpg?w=1400&amp;ssl=1 1400w\" width=\"229\" height=\"150\" loading=\"lazy\" data-original-width=\"229\" data-original-height=\"150\" itemprop=\"http:\/\/schema.org\/image\" title=\"Capture d\u2019e\u0301cran, le 2025-06-19 a\u0300 13.27.55\" alt=\"Capture d\u2019e\u0301cran, le 2025-06-19 a\u0300 13.27.55\" style=\"width: 229px; height: 150px;\" \/> <\/a> <\/div> <\/div> <!-- close group --> <\/div> <!-- close row --> <div class=\"gallery-row\" style=\"width: 700px; height: 230px;\" data-original-width=\"700\" data-original-height=\"230\" > <div class=\"gallery-group images-1\" style=\"width: 350px; height: 230px;\" data-original-width=\"350\" data-original-height=\"230\" > <div class=\"tiled-gallery-item tiled-gallery-item-large\" itemprop=\"associatedMedia\" itemscope itemtype=\"http:\/\/schema.org\/ImageObject\"> <a href=\"https:\/\/itayachtscanada.com\/fr\/listing\/princess-s62-2021-2299000-usd-for-sale\/capture-decran-le-2025-06-19-a-13-28-18\/\" border=\"0\" itemprop=\"url\"> <meta itemprop=\"width\" content=\"346\"> <meta itemprop=\"height\" content=\"226\"> <img decoding=\"async\" class=\"\" data-attachment-id=\"269052\" data-orig-file=\"https:\/\/itayachtscanada.com\/wp-content\/uploads\/2025\/06\/Capture-decran-le-2025-06-19-a-13.28.18.jpg\" data-orig-size=\"1472,962\" data-comments-opened=\"1\" data-image-meta=\"{&quot;aperture&quot;:&quot;0&quot;,&quot;credit&quot;:&quot;&quot;,&quot;camera&quot;:&quot;&quot;,&quot;caption&quot;:&quot;&quot;,&quot;created_timestamp&quot;:&quot;0&quot;,&quot;copyright&quot;:&quot;&quot;,&quot;focal_length&quot;:&quot;0&quot;,&quot;iso&quot;:&quot;0&quot;,&quot;shutter_speed&quot;:&quot;0&quot;,&quot;title&quot;:&quot;&quot;,&quot;orientation&quot;:&quot;0&quot;}\" data-image-title=\"Capture d\u2019e\u0301cran, le 2025-06-19 a\u0300 13.28.18\" data-image-description=\"\" data-medium-file=\"https:\/\/i0.wp.com\/itayachtscanada.com\/wp-content\/uploads\/2025\/06\/Capture-decran-le-2025-06-19-a-13.28.18.jpg?fit=300%2C196&#038;ssl=1\" data-large-file=\"https:\/\/i0.wp.com\/itayachtscanada.com\/wp-content\/uploads\/2025\/06\/Capture-decran-le-2025-06-19-a-13.28.18.jpg?fit=700%2C457&#038;ssl=1\" src=\"https:\/\/i0.wp.com\/itayachtscanada.com\/wp-content\/uploads\/2025\/06\/Capture-decran-le-2025-06-19-a-13.28.18.jpg?w=346&#038;h=226&#038;ssl=1\" srcset=\"https:\/\/i0.wp.com\/itayachtscanada.com\/wp-content\/uploads\/2025\/06\/Capture-decran-le-2025-06-19-a-13.28.18.jpg?w=1472&amp;ssl=1 1472w, https:\/\/i0.wp.com\/itayachtscanada.com\/wp-content\/uploads\/2025\/06\/Capture-decran-le-2025-06-19-a-13.28.18.jpg?resize=300%2C196&amp;ssl=1 300w, https:\/\/i0.wp.com\/itayachtscanada.com\/wp-content\/uploads\/2025\/06\/Capture-decran-le-2025-06-19-a-13.28.18.jpg?resize=1024%2C669&amp;ssl=1 1024w, https:\/\/i0.wp.com\/itayachtscanada.com\/wp-content\/uploads\/2025\/06\/Capture-decran-le-2025-06-19-a-13.28.18.jpg?resize=768%2C502&amp;ssl=1 768w, https:\/\/i0.wp.com\/itayachtscanada.com\/wp-content\/uploads\/2025\/06\/Capture-decran-le-2025-06-19-a-13.28.18.jpg?resize=700%2C457&amp;ssl=1 700w, https:\/\/i0.wp.com\/itayachtscanada.com\/wp-content\/uploads\/2025\/06\/Capture-decran-le-2025-06-19-a-13.28.18.jpg?resize=612%2C400&amp;ssl=1 612w, https:\/\/i0.wp.com\/itayachtscanada.com\/wp-content\/uploads\/2025\/06\/Capture-decran-le-2025-06-19-a-13.28.18.jpg?w=1400&amp;ssl=1 1400w\" width=\"346\" height=\"226\" loading=\"lazy\" data-original-width=\"346\" data-original-height=\"226\" itemprop=\"http:\/\/schema.org\/image\" title=\"Capture d\u2019e\u0301cran, le 2025-06-19 a\u0300 13.28.18\" alt=\"Capture d\u2019e\u0301cran, le 2025-06-19 a\u0300 13.28.18\" style=\"width: 346px; height: 226px;\" \/> <\/a> <\/div> <\/div> <!-- close group --> <div class=\"gallery-group images-1\" style=\"width: 350px; height: 230px;\" data-original-width=\"350\" data-original-height=\"230\" > <div class=\"tiled-gallery-item tiled-gallery-item-large\" itemprop=\"associatedMedia\" itemscope itemtype=\"http:\/\/schema.org\/ImageObject\"> <a href=\"https:\/\/itayachtscanada.com\/fr\/listing\/princess-s62-2021-2299000-usd-for-sale\/capture-decran-le-2025-06-19-a-13-28-15\/\" border=\"0\" itemprop=\"url\"> <meta itemprop=\"width\" content=\"346\"> <meta itemprop=\"height\" content=\"226\"> <img decoding=\"async\" class=\"\" data-attachment-id=\"269053\" data-orig-file=\"https:\/\/itayachtscanada.com\/wp-content\/uploads\/2025\/06\/Capture-decran-le-2025-06-19-a-13.28.15.jpg\" data-orig-size=\"1472,962\" data-comments-opened=\"1\" data-image-meta=\"{&quot;aperture&quot;:&quot;0&quot;,&quot;credit&quot;:&quot;&quot;,&quot;camera&quot;:&quot;&quot;,&quot;caption&quot;:&quot;&quot;,&quot;created_timestamp&quot;:&quot;0&quot;,&quot;copyright&quot;:&quot;&quot;,&quot;focal_length&quot;:&quot;0&quot;,&quot;iso&quot;:&quot;0&quot;,&quot;shutter_speed&quot;:&quot;0&quot;,&quot;title&quot;:&quot;&quot;,&quot;orientation&quot;:&quot;0&quot;}\" data-image-title=\"Capture d\u2019e\u0301cran, le 2025-06-19 a\u0300 13.28.15\" data-image-description=\"\" data-medium-file=\"https:\/\/i0.wp.com\/itayachtscanada.com\/wp-content\/uploads\/2025\/06\/Capture-decran-le-2025-06-19-a-13.28.15.jpg?fit=300%2C196&#038;ssl=1\" data-large-file=\"https:\/\/i0.wp.com\/itayachtscanada.com\/wp-content\/uploads\/2025\/06\/Capture-decran-le-2025-06-19-a-13.28.15.jpg?fit=700%2C457&#038;ssl=1\" src=\"https:\/\/i0.wp.com\/itayachtscanada.com\/wp-content\/uploads\/2025\/06\/Capture-decran-le-2025-06-19-a-13.28.15.jpg?w=346&#038;h=226&#038;ssl=1\" srcset=\"https:\/\/i0.wp.com\/itayachtscanada.com\/wp-content\/uploads\/2025\/06\/Capture-decran-le-2025-06-19-a-13.28.15.jpg?w=1472&amp;ssl=1 1472w, https:\/\/i0.wp.com\/itayachtscanada.com\/wp-content\/uploads\/2025\/06\/Capture-decran-le-2025-06-19-a-13.28.15.jpg?resize=300%2C196&amp;ssl=1 300w, https:\/\/i0.wp.com\/itayachtscanada.com\/wp-content\/uploads\/2025\/06\/Capture-decran-le-2025-06-19-a-13.28.15.jpg?resize=1024%2C669&amp;ssl=1 1024w, https:\/\/i0.wp.com\/itayachtscanada.com\/wp-content\/uploads\/2025\/06\/Capture-decran-le-2025-06-19-a-13.28.15.jpg?resize=768%2C502&amp;ssl=1 768w, https:\/\/i0.wp.com\/itayachtscanada.com\/wp-content\/uploads\/2025\/06\/Capture-decran-le-2025-06-19-a-13.28.15.jpg?resize=700%2C457&amp;ssl=1 700w, https:\/\/i0.wp.com\/itayachtscanada.com\/wp-content\/uploads\/2025\/06\/Capture-decran-le-2025-06-19-a-13.28.15.jpg?resize=612%2C400&amp;ssl=1 612w, https:\/\/i0.wp.com\/itayachtscanada.com\/wp-content\/uploads\/2025\/06\/Capture-decran-le-2025-06-19-a-13.28.15.jpg?w=1400&amp;ssl=1 1400w\" width=\"346\" height=\"226\" loading=\"lazy\" data-original-width=\"346\" data-original-height=\"226\" itemprop=\"http:\/\/schema.org\/image\" title=\"Capture d\u2019e\u0301cran, le 2025-06-19 a\u0300 13.28.15\" alt=\"Capture d\u2019e\u0301cran, le 2025-06-19 a\u0300 13.28.15\" style=\"width: 346px; height: 226px;\" \/> <\/a> <\/div> <\/div> <!-- close group --> <\/div> <!-- close row --> <div class=\"gallery-row\" style=\"width: 700px; height: 307px;\" data-original-width=\"700\" data-original-height=\"307\" > <div class=\"gallery-group images-2\" style=\"width: 233px; height: 307px;\" data-original-width=\"233\" data-original-height=\"307\" > <div class=\"tiled-gallery-item tiled-gallery-item-small\" itemprop=\"associatedMedia\" itemscope itemtype=\"http:\/\/schema.org\/ImageObject\"> <a href=\"https:\/\/itayachtscanada.com\/fr\/listing\/princess-s62-2021-2299000-usd-for-sale\/capture-decran-le-2025-06-19-a-13-28-10\/\" border=\"0\" itemprop=\"url\"> <meta itemprop=\"width\" content=\"229\"> <meta itemprop=\"height\" content=\"150\"> <img decoding=\"async\" class=\"\" data-attachment-id=\"269054\" data-orig-file=\"https:\/\/itayachtscanada.com\/wp-content\/uploads\/2025\/06\/Capture-decran-le-2025-06-19-a-13.28.10.jpg\" data-orig-size=\"1472,962\" data-comments-opened=\"1\" data-image-meta=\"{&quot;aperture&quot;:&quot;0&quot;,&quot;credit&quot;:&quot;&quot;,&quot;camera&quot;:&quot;&quot;,&quot;caption&quot;:&quot;&quot;,&quot;created_timestamp&quot;:&quot;0&quot;,&quot;copyright&quot;:&quot;&quot;,&quot;focal_length&quot;:&quot;0&quot;,&quot;iso&quot;:&quot;0&quot;,&quot;shutter_speed&quot;:&quot;0&quot;,&quot;title&quot;:&quot;&quot;,&quot;orientation&quot;:&quot;0&quot;}\" data-image-title=\"Capture d\u2019e\u0301cran, le 2025-06-19 a\u0300 13.28.10\" data-image-description=\"\" data-medium-file=\"https:\/\/i0.wp.com\/itayachtscanada.com\/wp-content\/uploads\/2025\/06\/Capture-decran-le-2025-06-19-a-13.28.10.jpg?fit=300%2C196&#038;ssl=1\" data-large-file=\"https:\/\/i0.wp.com\/itayachtscanada.com\/wp-content\/uploads\/2025\/06\/Capture-decran-le-2025-06-19-a-13.28.10.jpg?fit=700%2C457&#038;ssl=1\" src=\"https:\/\/i0.wp.com\/itayachtscanada.com\/wp-content\/uploads\/2025\/06\/Capture-decran-le-2025-06-19-a-13.28.10.jpg?w=229&#038;h=150&#038;ssl=1\" srcset=\"https:\/\/i0.wp.com\/itayachtscanada.com\/wp-content\/uploads\/2025\/06\/Capture-decran-le-2025-06-19-a-13.28.10.jpg?w=1472&amp;ssl=1 1472w, https:\/\/i0.wp.com\/itayachtscanada.com\/wp-content\/uploads\/2025\/06\/Capture-decran-le-2025-06-19-a-13.28.10.jpg?resize=300%2C196&amp;ssl=1 300w, https:\/\/i0.wp.com\/itayachtscanada.com\/wp-content\/uploads\/2025\/06\/Capture-decran-le-2025-06-19-a-13.28.10.jpg?resize=1024%2C669&amp;ssl=1 1024w, https:\/\/i0.wp.com\/itayachtscanada.com\/wp-content\/uploads\/2025\/06\/Capture-decran-le-2025-06-19-a-13.28.10.jpg?resize=768%2C502&amp;ssl=1 768w, https:\/\/i0.wp.com\/itayachtscanada.com\/wp-content\/uploads\/2025\/06\/Capture-decran-le-2025-06-19-a-13.28.10.jpg?resize=700%2C457&amp;ssl=1 700w, https:\/\/i0.wp.com\/itayachtscanada.com\/wp-content\/uploads\/2025\/06\/Capture-decran-le-2025-06-19-a-13.28.10.jpg?resize=612%2C400&amp;ssl=1 612w, https:\/\/i0.wp.com\/itayachtscanada.com\/wp-content\/uploads\/2025\/06\/Capture-decran-le-2025-06-19-a-13.28.10.jpg?w=1400&amp;ssl=1 1400w\" width=\"229\" height=\"150\" loading=\"lazy\" data-original-width=\"229\" data-original-height=\"150\" itemprop=\"http:\/\/schema.org\/image\" title=\"Capture d\u2019e\u0301cran, le 2025-06-19 a\u0300 13.28.10\" alt=\"Capture d\u2019e\u0301cran, le 2025-06-19 a\u0300 13.28.10\" style=\"width: 229px; height: 150px;\" \/> <\/a> <\/div> <div class=\"tiled-gallery-item tiled-gallery-item-small\" itemprop=\"associatedMedia\" itemscope itemtype=\"http:\/\/schema.org\/ImageObject\"> <a href=\"https:\/\/itayachtscanada.com\/fr\/listing\/princess-s62-2021-2299000-usd-for-sale\/capture-decran-le-2025-06-19-a-13-28-06\/\" border=\"0\" itemprop=\"url\"> <meta itemprop=\"width\" content=\"229\"> <meta itemprop=\"height\" content=\"149\"> <img decoding=\"async\" class=\"\" data-attachment-id=\"269055\" data-orig-file=\"https:\/\/itayachtscanada.com\/wp-content\/uploads\/2025\/06\/Capture-decran-le-2025-06-19-a-13.28.06.jpg\" data-orig-size=\"1472,962\" data-comments-opened=\"1\" data-image-meta=\"{&quot;aperture&quot;:&quot;0&quot;,&quot;credit&quot;:&quot;&quot;,&quot;camera&quot;:&quot;&quot;,&quot;caption&quot;:&quot;&quot;,&quot;created_timestamp&quot;:&quot;0&quot;,&quot;copyright&quot;:&quot;&quot;,&quot;focal_length&quot;:&quot;0&quot;,&quot;iso&quot;:&quot;0&quot;,&quot;shutter_speed&quot;:&quot;0&quot;,&quot;title&quot;:&quot;&quot;,&quot;orientation&quot;:&quot;0&quot;}\" data-image-title=\"Capture d\u2019e\u0301cran, le 2025-06-19 a\u0300 13.28.06\" data-image-description=\"\" data-medium-file=\"https:\/\/i0.wp.com\/itayachtscanada.com\/wp-content\/uploads\/2025\/06\/Capture-decran-le-2025-06-19-a-13.28.06.jpg?fit=300%2C196&#038;ssl=1\" data-large-file=\"https:\/\/i0.wp.com\/itayachtscanada.com\/wp-content\/uploads\/2025\/06\/Capture-decran-le-2025-06-19-a-13.28.06.jpg?fit=700%2C457&#038;ssl=1\" src=\"https:\/\/i0.wp.com\/itayachtscanada.com\/wp-content\/uploads\/2025\/06\/Capture-decran-le-2025-06-19-a-13.28.06.jpg?w=229&#038;h=149&#038;ssl=1\" srcset=\"https:\/\/i0.wp.com\/itayachtscanada.com\/wp-content\/uploads\/2025\/06\/Capture-decran-le-2025-06-19-a-13.28.06.jpg?w=1472&amp;ssl=1 1472w, https:\/\/i0.wp.com\/itayachtscanada.com\/wp-content\/uploads\/2025\/06\/Capture-decran-le-2025-06-19-a-13.28.06.jpg?resize=300%2C196&amp;ssl=1 300w, https:\/\/i0.wp.com\/itayachtscanada.com\/wp-content\/uploads\/2025\/06\/Capture-decran-le-2025-06-19-a-13.28.06.jpg?resize=1024%2C669&amp;ssl=1 1024w, https:\/\/i0.wp.com\/itayachtscanada.com\/wp-content\/uploads\/2025\/06\/Capture-decran-le-2025-06-19-a-13.28.06.jpg?resize=768%2C502&amp;ssl=1 768w, https:\/\/i0.wp.com\/itayachtscanada.com\/wp-content\/uploads\/2025\/06\/Capture-decran-le-2025-06-19-a-13.28.06.jpg?resize=700%2C457&amp;ssl=1 700w, https:\/\/i0.wp.com\/itayachtscanada.com\/wp-content\/uploads\/2025\/06\/Capture-decran-le-2025-06-19-a-13.28.06.jpg?resize=612%2C400&amp;ssl=1 612w, https:\/\/i0.wp.com\/itayachtscanada.com\/wp-content\/uploads\/2025\/06\/Capture-decran-le-2025-06-19-a-13.28.06.jpg?w=1400&amp;ssl=1 1400w\" width=\"229\" height=\"149\" loading=\"lazy\" data-original-width=\"229\" data-original-height=\"149\" itemprop=\"http:\/\/schema.org\/image\" title=\"Capture d\u2019e\u0301cran, le 2025-06-19 a\u0300 13.28.06\" alt=\"Capture d\u2019e\u0301cran, le 2025-06-19 a\u0300 13.28.06\" style=\"width: 229px; height: 149px;\" \/> <\/a> <\/div> <\/div> <!-- close group --> <div class=\"gallery-group images-1\" style=\"width: 467px; height: 307px;\" data-original-width=\"467\" data-original-height=\"307\" > <div class=\"tiled-gallery-item tiled-gallery-item-large\" itemprop=\"associatedMedia\" itemscope itemtype=\"http:\/\/schema.org\/ImageObject\"> <a href=\"https:\/\/itayachtscanada.com\/fr\/listing\/princess-s62-2021-2299000-usd-for-sale\/capture-decran-le-2025-06-19-a-13-28-02\/\" border=\"0\" itemprop=\"url\"> <meta itemprop=\"width\" content=\"463\"> <meta itemprop=\"height\" content=\"303\"> <img decoding=\"async\" class=\"\" data-attachment-id=\"269056\" data-orig-file=\"https:\/\/itayachtscanada.com\/wp-content\/uploads\/2025\/06\/Capture-decran-le-2025-06-19-a-13.28.02.jpg\" data-orig-size=\"1472,962\" data-comments-opened=\"1\" data-image-meta=\"{&quot;aperture&quot;:&quot;0&quot;,&quot;credit&quot;:&quot;&quot;,&quot;camera&quot;:&quot;&quot;,&quot;caption&quot;:&quot;&quot;,&quot;created_timestamp&quot;:&quot;0&quot;,&quot;copyright&quot;:&quot;&quot;,&quot;focal_length&quot;:&quot;0&quot;,&quot;iso&quot;:&quot;0&quot;,&quot;shutter_speed&quot;:&quot;0&quot;,&quot;title&quot;:&quot;&quot;,&quot;orientation&quot;:&quot;0&quot;}\" data-image-title=\"Capture d\u2019e\u0301cran, le 2025-06-19 a\u0300 13.28.02\" data-image-description=\"\" data-medium-file=\"https:\/\/i0.wp.com\/itayachtscanada.com\/wp-content\/uploads\/2025\/06\/Capture-decran-le-2025-06-19-a-13.28.02.jpg?fit=300%2C196&#038;ssl=1\" data-large-file=\"https:\/\/i0.wp.com\/itayachtscanada.com\/wp-content\/uploads\/2025\/06\/Capture-decran-le-2025-06-19-a-13.28.02.jpg?fit=700%2C457&#038;ssl=1\" src=\"https:\/\/i0.wp.com\/itayachtscanada.com\/wp-content\/uploads\/2025\/06\/Capture-decran-le-2025-06-19-a-13.28.02.jpg?w=463&#038;h=303&#038;ssl=1\" srcset=\"https:\/\/i0.wp.com\/itayachtscanada.com\/wp-content\/uploads\/2025\/06\/Capture-decran-le-2025-06-19-a-13.28.02.jpg?w=1472&amp;ssl=1 1472w, https:\/\/i0.wp.com\/itayachtscanada.com\/wp-content\/uploads\/2025\/06\/Capture-decran-le-2025-06-19-a-13.28.02.jpg?resize=300%2C196&amp;ssl=1 300w, https:\/\/i0.wp.com\/itayachtscanada.com\/wp-content\/uploads\/2025\/06\/Capture-decran-le-2025-06-19-a-13.28.02.jpg?resize=1024%2C669&amp;ssl=1 1024w, https:\/\/i0.wp.com\/itayachtscanada.com\/wp-content\/uploads\/2025\/06\/Capture-decran-le-2025-06-19-a-13.28.02.jpg?resize=768%2C502&amp;ssl=1 768w, https:\/\/i0.wp.com\/itayachtscanada.com\/wp-content\/uploads\/2025\/06\/Capture-decran-le-2025-06-19-a-13.28.02.jpg?resize=700%2C457&amp;ssl=1 700w, https:\/\/i0.wp.com\/itayachtscanada.com\/wp-content\/uploads\/2025\/06\/Capture-decran-le-2025-06-19-a-13.28.02.jpg?resize=612%2C400&amp;ssl=1 612w, https:\/\/i0.wp.com\/itayachtscanada.com\/wp-content\/uploads\/2025\/06\/Capture-decran-le-2025-06-19-a-13.28.02.jpg?w=1400&amp;ssl=1 1400w\" width=\"463\" height=\"303\" loading=\"lazy\" data-original-width=\"463\" data-original-height=\"303\" itemprop=\"http:\/\/schema.org\/image\" title=\"Capture d\u2019e\u0301cran, le 2025-06-19 a\u0300 13.28.02\" alt=\"Capture d\u2019e\u0301cran, le 2025-06-19 a\u0300 13.28.02\" style=\"width: 463px; height: 303px;\" \/> <\/a> <\/div> <\/div> <!-- close group --> <\/div> <!-- close row --> <div class=\"gallery-row\" style=\"width: 700px; height: 307px;\" data-original-width=\"700\" data-original-height=\"307\" > <div class=\"gallery-group images-1\" style=\"width: 467px; height: 307px;\" data-original-width=\"467\" data-original-height=\"307\" > <div class=\"tiled-gallery-item tiled-gallery-item-large\" itemprop=\"associatedMedia\" itemscope itemtype=\"http:\/\/schema.org\/ImageObject\"> <a href=\"https:\/\/itayachtscanada.com\/fr\/listing\/princess-s62-2021-2299000-usd-for-sale\/capture-decran-le-2025-06-19-a-13-27-59\/\" border=\"0\" itemprop=\"url\"> <meta itemprop=\"width\" content=\"463\"> <meta itemprop=\"height\" content=\"303\"> <img decoding=\"async\" class=\"\" data-attachment-id=\"269057\" data-orig-file=\"https:\/\/itayachtscanada.com\/wp-content\/uploads\/2025\/06\/Capture-decran-le-2025-06-19-a-13.27.59.jpg\" data-orig-size=\"1472,962\" data-comments-opened=\"1\" data-image-meta=\"{&quot;aperture&quot;:&quot;0&quot;,&quot;credit&quot;:&quot;&quot;,&quot;camera&quot;:&quot;&quot;,&quot;caption&quot;:&quot;&quot;,&quot;created_timestamp&quot;:&quot;0&quot;,&quot;copyright&quot;:&quot;&quot;,&quot;focal_length&quot;:&quot;0&quot;,&quot;iso&quot;:&quot;0&quot;,&quot;shutter_speed&quot;:&quot;0&quot;,&quot;title&quot;:&quot;&quot;,&quot;orientation&quot;:&quot;0&quot;}\" data-image-title=\"Capture d\u2019e\u0301cran, le 2025-06-19 a\u0300 13.27.59\" data-image-description=\"\" data-medium-file=\"https:\/\/i0.wp.com\/itayachtscanada.com\/wp-content\/uploads\/2025\/06\/Capture-decran-le-2025-06-19-a-13.27.59.jpg?fit=300%2C196&#038;ssl=1\" data-large-file=\"https:\/\/i0.wp.com\/itayachtscanada.com\/wp-content\/uploads\/2025\/06\/Capture-decran-le-2025-06-19-a-13.27.59.jpg?fit=700%2C457&#038;ssl=1\" src=\"https:\/\/i0.wp.com\/itayachtscanada.com\/wp-content\/uploads\/2025\/06\/Capture-decran-le-2025-06-19-a-13.27.59.jpg?w=463&#038;h=303&#038;ssl=1\" srcset=\"https:\/\/i0.wp.com\/itayachtscanada.com\/wp-content\/uploads\/2025\/06\/Capture-decran-le-2025-06-19-a-13.27.59.jpg?w=1472&amp;ssl=1 1472w, https:\/\/i0.wp.com\/itayachtscanada.com\/wp-content\/uploads\/2025\/06\/Capture-decran-le-2025-06-19-a-13.27.59.jpg?resize=300%2C196&amp;ssl=1 300w, https:\/\/i0.wp.com\/itayachtscanada.com\/wp-content\/uploads\/2025\/06\/Capture-decran-le-2025-06-19-a-13.27.59.jpg?resize=1024%2C669&amp;ssl=1 1024w, https:\/\/i0.wp.com\/itayachtscanada.com\/wp-content\/uploads\/2025\/06\/Capture-decran-le-2025-06-19-a-13.27.59.jpg?resize=768%2C502&amp;ssl=1 768w, https:\/\/i0.wp.com\/itayachtscanada.com\/wp-content\/uploads\/2025\/06\/Capture-decran-le-2025-06-19-a-13.27.59.jpg?resize=700%2C457&amp;ssl=1 700w, https:\/\/i0.wp.com\/itayachtscanada.com\/wp-content\/uploads\/2025\/06\/Capture-decran-le-2025-06-19-a-13.27.59.jpg?resize=612%2C400&amp;ssl=1 612w, https:\/\/i0.wp.com\/itayachtscanada.com\/wp-content\/uploads\/2025\/06\/Capture-decran-le-2025-06-19-a-13.27.59.jpg?w=1400&amp;ssl=1 1400w\" width=\"463\" height=\"303\" loading=\"lazy\" data-original-width=\"463\" data-original-height=\"303\" itemprop=\"http:\/\/schema.org\/image\" title=\"Capture d\u2019e\u0301cran, le 2025-06-19 a\u0300 13.27.59\" alt=\"Capture d\u2019e\u0301cran, le 2025-06-19 a\u0300 13.27.59\" style=\"width: 463px; height: 303px;\" \/> <\/a> <\/div> <\/div> <!-- close group --> <div class=\"gallery-group images-2\" style=\"width: 233px; height: 307px;\" data-original-width=\"233\" data-original-height=\"307\" > <div class=\"tiled-gallery-item tiled-gallery-item-small\" itemprop=\"associatedMedia\" itemscope itemtype=\"http:\/\/schema.org\/ImageObject\"> <a href=\"https:\/\/itayachtscanada.com\/fr\/listing\/princess-s62-2021-2299000-usd-for-sale\/capture-decran-le-2025-06-19-a-13-26-35\/\" border=\"0\" itemprop=\"url\"> <meta itemprop=\"width\" content=\"229\"> <meta itemprop=\"height\" content=\"150\"> <img decoding=\"async\" class=\"\" data-attachment-id=\"269078\" data-orig-file=\"https:\/\/itayachtscanada.com\/wp-content\/uploads\/2025\/06\/Capture-decran-le-2025-06-19-a-13.26.35.jpg\" data-orig-size=\"1472,962\" data-comments-opened=\"1\" data-image-meta=\"{&quot;aperture&quot;:&quot;0&quot;,&quot;credit&quot;:&quot;&quot;,&quot;camera&quot;:&quot;&quot;,&quot;caption&quot;:&quot;&quot;,&quot;created_timestamp&quot;:&quot;0&quot;,&quot;copyright&quot;:&quot;&quot;,&quot;focal_length&quot;:&quot;0&quot;,&quot;iso&quot;:&quot;0&quot;,&quot;shutter_speed&quot;:&quot;0&quot;,&quot;title&quot;:&quot;&quot;,&quot;orientation&quot;:&quot;0&quot;}\" data-image-title=\"Capture d\u2019e\u0301cran, le 2025-06-19 a\u0300 13.26.35\" data-image-description=\"\" data-medium-file=\"https:\/\/i0.wp.com\/itayachtscanada.com\/wp-content\/uploads\/2025\/06\/Capture-decran-le-2025-06-19-a-13.26.35.jpg?fit=300%2C196&#038;ssl=1\" data-large-file=\"https:\/\/i0.wp.com\/itayachtscanada.com\/wp-content\/uploads\/2025\/06\/Capture-decran-le-2025-06-19-a-13.26.35.jpg?fit=700%2C457&#038;ssl=1\" src=\"https:\/\/i0.wp.com\/itayachtscanada.com\/wp-content\/uploads\/2025\/06\/Capture-decran-le-2025-06-19-a-13.26.35.jpg?w=229&#038;h=150&#038;ssl=1\" srcset=\"https:\/\/i0.wp.com\/itayachtscanada.com\/wp-content\/uploads\/2025\/06\/Capture-decran-le-2025-06-19-a-13.26.35.jpg?w=1472&amp;ssl=1 1472w, https:\/\/i0.wp.com\/itayachtscanada.com\/wp-content\/uploads\/2025\/06\/Capture-decran-le-2025-06-19-a-13.26.35.jpg?resize=300%2C196&amp;ssl=1 300w, https:\/\/i0.wp.com\/itayachtscanada.com\/wp-content\/uploads\/2025\/06\/Capture-decran-le-2025-06-19-a-13.26.35.jpg?resize=1024%2C669&amp;ssl=1 1024w, https:\/\/i0.wp.com\/itayachtscanada.com\/wp-content\/uploads\/2025\/06\/Capture-decran-le-2025-06-19-a-13.26.35.jpg?resize=768%2C502&amp;ssl=1 768w, https:\/\/i0.wp.com\/itayachtscanada.com\/wp-content\/uploads\/2025\/06\/Capture-decran-le-2025-06-19-a-13.26.35.jpg?resize=700%2C457&amp;ssl=1 700w, https:\/\/i0.wp.com\/itayachtscanada.com\/wp-content\/uploads\/2025\/06\/Capture-decran-le-2025-06-19-a-13.26.35.jpg?resize=612%2C400&amp;ssl=1 612w, https:\/\/i0.wp.com\/itayachtscanada.com\/wp-content\/uploads\/2025\/06\/Capture-decran-le-2025-06-19-a-13.26.35.jpg?w=1400&amp;ssl=1 1400w\" width=\"229\" height=\"150\" loading=\"lazy\" data-original-width=\"229\" data-original-height=\"150\" itemprop=\"http:\/\/schema.org\/image\" title=\"Capture d\u2019e\u0301cran, le 2025-06-19 a\u0300 13.26.35\" alt=\"Capture d\u2019e\u0301cran, le 2025-06-19 a\u0300 13.26.35\" style=\"width: 229px; height: 150px;\" \/> <\/a> <\/div> <div class=\"tiled-gallery-item tiled-gallery-item-small\" itemprop=\"associatedMedia\" itemscope itemtype=\"http:\/\/schema.org\/ImageObject\"> <a href=\"https:\/\/itayachtscanada.com\/fr\/listing\/princess-s62-2021-2299000-usd-for-sale\/capture-decran-le-2025-06-19-a-13-26-31\/\" border=\"0\" itemprop=\"url\"> <meta itemprop=\"width\" content=\"229\"> <meta itemprop=\"height\" content=\"149\"> <img decoding=\"async\" class=\"\" data-attachment-id=\"269079\" data-orig-file=\"https:\/\/itayachtscanada.com\/wp-content\/uploads\/2025\/06\/Capture-decran-le-2025-06-19-a-13.26.31.jpg\" data-orig-size=\"1472,962\" data-comments-opened=\"1\" data-image-meta=\"{&quot;aperture&quot;:&quot;0&quot;,&quot;credit&quot;:&quot;&quot;,&quot;camera&quot;:&quot;&quot;,&quot;caption&quot;:&quot;&quot;,&quot;created_timestamp&quot;:&quot;0&quot;,&quot;copyright&quot;:&quot;&quot;,&quot;focal_length&quot;:&quot;0&quot;,&quot;iso&quot;:&quot;0&quot;,&quot;shutter_speed&quot;:&quot;0&quot;,&quot;title&quot;:&quot;&quot;,&quot;orientation&quot;:&quot;0&quot;}\" data-image-title=\"Capture d\u2019e\u0301cran, le 2025-06-19 a\u0300 13.26.31\" data-image-description=\"\" data-medium-file=\"https:\/\/i0.wp.com\/itayachtscanada.com\/wp-content\/uploads\/2025\/06\/Capture-decran-le-2025-06-19-a-13.26.31.jpg?fit=300%2C196&#038;ssl=1\" data-large-file=\"https:\/\/i0.wp.com\/itayachtscanada.com\/wp-content\/uploads\/2025\/06\/Capture-decran-le-2025-06-19-a-13.26.31.jpg?fit=700%2C457&#038;ssl=1\" src=\"https:\/\/i0.wp.com\/itayachtscanada.com\/wp-content\/uploads\/2025\/06\/Capture-decran-le-2025-06-19-a-13.26.31.jpg?w=229&#038;h=149&#038;ssl=1\" srcset=\"https:\/\/i0.wp.com\/itayachtscanada.com\/wp-content\/uploads\/2025\/06\/Capture-decran-le-2025-06-19-a-13.26.31.jpg?w=1472&amp;ssl=1 1472w, https:\/\/i0.wp.com\/itayachtscanada.com\/wp-content\/uploads\/2025\/06\/Capture-decran-le-2025-06-19-a-13.26.31.jpg?resize=300%2C196&amp;ssl=1 300w, https:\/\/i0.wp.com\/itayachtscanada.com\/wp-content\/uploads\/2025\/06\/Capture-decran-le-2025-06-19-a-13.26.31.jpg?resize=1024%2C669&amp;ssl=1 1024w, https:\/\/i0.wp.com\/itayachtscanada.com\/wp-content\/uploads\/2025\/06\/Capture-decran-le-2025-06-19-a-13.26.31.jpg?resize=768%2C502&amp;ssl=1 768w, https:\/\/i0.wp.com\/itayachtscanada.com\/wp-content\/uploads\/2025\/06\/Capture-decran-le-2025-06-19-a-13.26.31.jpg?resize=700%2C457&amp;ssl=1 700w, https:\/\/i0.wp.com\/itayachtscanada.com\/wp-content\/uploads\/2025\/06\/Capture-decran-le-2025-06-19-a-13.26.31.jpg?resize=612%2C400&amp;ssl=1 612w, https:\/\/i0.wp.com\/itayachtscanada.com\/wp-content\/uploads\/2025\/06\/Capture-decran-le-2025-06-19-a-13.26.31.jpg?w=1400&amp;ssl=1 1400w\" width=\"229\" height=\"149\" loading=\"lazy\" data-original-width=\"229\" data-original-height=\"149\" itemprop=\"http:\/\/schema.org\/image\" title=\"Capture d\u2019e\u0301cran, le 2025-06-19 a\u0300 13.26.31\" alt=\"Capture d\u2019e\u0301cran, le 2025-06-19 a\u0300 13.26.31\" style=\"width: 229px; height: 149px;\" \/> <\/a> <\/div> <\/div> <!-- close group --> <\/div> <!-- close row --> <div class=\"gallery-row\" style=\"width: 700px; height: 154px;\" data-original-width=\"700\" data-original-height=\"154\" > <div class=\"gallery-group images-1\" style=\"width: 234px; height: 154px;\" data-original-width=\"234\" data-original-height=\"154\" > <div class=\"tiled-gallery-item tiled-gallery-item-small\" itemprop=\"associatedMedia\" itemscope itemtype=\"http:\/\/schema.org\/ImageObject\"> <a href=\"https:\/\/itayachtscanada.com\/fr\/listing\/princess-s62-2021-2299000-usd-for-sale\/capture-decran-le-2025-06-19-a-13-26-26\/\" border=\"0\" itemprop=\"url\"> <meta itemprop=\"width\" content=\"230\"> <meta itemprop=\"height\" content=\"150\"> <img decoding=\"async\" class=\"\" data-attachment-id=\"269080\" data-orig-file=\"https:\/\/itayachtscanada.com\/wp-content\/uploads\/2025\/06\/Capture-decran-le-2025-06-19-a-13.26.26.jpg\" data-orig-size=\"1472,962\" data-comments-opened=\"1\" data-image-meta=\"{&quot;aperture&quot;:&quot;0&quot;,&quot;credit&quot;:&quot;&quot;,&quot;camera&quot;:&quot;&quot;,&quot;caption&quot;:&quot;&quot;,&quot;created_timestamp&quot;:&quot;0&quot;,&quot;copyright&quot;:&quot;&quot;,&quot;focal_length&quot;:&quot;0&quot;,&quot;iso&quot;:&quot;0&quot;,&quot;shutter_speed&quot;:&quot;0&quot;,&quot;title&quot;:&quot;&quot;,&quot;orientation&quot;:&quot;0&quot;}\" data-image-title=\"Capture d\u2019e\u0301cran, le 2025-06-19 a\u0300 13.26.26\" data-image-description=\"\" data-medium-file=\"https:\/\/i0.wp.com\/itayachtscanada.com\/wp-content\/uploads\/2025\/06\/Capture-decran-le-2025-06-19-a-13.26.26.jpg?fit=300%2C196&#038;ssl=1\" data-large-file=\"https:\/\/i0.wp.com\/itayachtscanada.com\/wp-content\/uploads\/2025\/06\/Capture-decran-le-2025-06-19-a-13.26.26.jpg?fit=700%2C457&#038;ssl=1\" src=\"https:\/\/i0.wp.com\/itayachtscanada.com\/wp-content\/uploads\/2025\/06\/Capture-decran-le-2025-06-19-a-13.26.26.jpg?w=230&#038;h=150&#038;ssl=1\" srcset=\"https:\/\/i0.wp.com\/itayachtscanada.com\/wp-content\/uploads\/2025\/06\/Capture-decran-le-2025-06-19-a-13.26.26.jpg?w=1472&amp;ssl=1 1472w, https:\/\/i0.wp.com\/itayachtscanada.com\/wp-content\/uploads\/2025\/06\/Capture-decran-le-2025-06-19-a-13.26.26.jpg?resize=300%2C196&amp;ssl=1 300w, https:\/\/i0.wp.com\/itayachtscanada.com\/wp-content\/uploads\/2025\/06\/Capture-decran-le-2025-06-19-a-13.26.26.jpg?resize=1024%2C669&amp;ssl=1 1024w, https:\/\/i0.wp.com\/itayachtscanada.com\/wp-content\/uploads\/2025\/06\/Capture-decran-le-2025-06-19-a-13.26.26.jpg?resize=768%2C502&amp;ssl=1 768w, https:\/\/i0.wp.com\/itayachtscanada.com\/wp-content\/uploads\/2025\/06\/Capture-decran-le-2025-06-19-a-13.26.26.jpg?resize=700%2C457&amp;ssl=1 700w, https:\/\/i0.wp.com\/itayachtscanada.com\/wp-content\/uploads\/2025\/06\/Capture-decran-le-2025-06-19-a-13.26.26.jpg?resize=612%2C400&amp;ssl=1 612w, https:\/\/i0.wp.com\/itayachtscanada.com\/wp-content\/uploads\/2025\/06\/Capture-decran-le-2025-06-19-a-13.26.26.jpg?w=1400&amp;ssl=1 1400w\" width=\"230\" height=\"150\" loading=\"lazy\" data-original-width=\"230\" data-original-height=\"150\" itemprop=\"http:\/\/schema.org\/image\" title=\"Capture d\u2019e\u0301cran, le 2025-06-19 a\u0300 13.26.26\" alt=\"Capture d\u2019e\u0301cran, le 2025-06-19 a\u0300 13.26.26\" style=\"width: 230px; height: 150px;\" \/> <\/a> <\/div> <\/div> <!-- close group --> <div class=\"gallery-group images-1\" style=\"width: 233px; height: 154px;\" data-original-width=\"233\" data-original-height=\"154\" > <div class=\"tiled-gallery-item tiled-gallery-item-small\" itemprop=\"associatedMedia\" itemscope itemtype=\"http:\/\/schema.org\/ImageObject\"> <a href=\"https:\/\/itayachtscanada.com\/fr\/listing\/princess-s62-2021-2299000-usd-for-sale\/capture-decran-le-2025-06-19-a-13-26-22\/\" border=\"0\" itemprop=\"url\"> <meta itemprop=\"width\" content=\"229\"> <meta itemprop=\"height\" content=\"150\"> <img decoding=\"async\" class=\"\" data-attachment-id=\"269081\" data-orig-file=\"https:\/\/itayachtscanada.com\/wp-content\/uploads\/2025\/06\/Capture-decran-le-2025-06-19-a-13.26.22.jpg\" data-orig-size=\"1472,962\" data-comments-opened=\"1\" data-image-meta=\"{&quot;aperture&quot;:&quot;0&quot;,&quot;credit&quot;:&quot;&quot;,&quot;camera&quot;:&quot;&quot;,&quot;caption&quot;:&quot;&quot;,&quot;created_timestamp&quot;:&quot;0&quot;,&quot;copyright&quot;:&quot;&quot;,&quot;focal_length&quot;:&quot;0&quot;,&quot;iso&quot;:&quot;0&quot;,&quot;shutter_speed&quot;:&quot;0&quot;,&quot;title&quot;:&quot;&quot;,&quot;orientation&quot;:&quot;0&quot;}\" data-image-title=\"Capture d\u2019e\u0301cran, le 2025-06-19 a\u0300 13.26.22\" data-image-description=\"\" data-medium-file=\"https:\/\/i0.wp.com\/itayachtscanada.com\/wp-content\/uploads\/2025\/06\/Capture-decran-le-2025-06-19-a-13.26.22.jpg?fit=300%2C196&#038;ssl=1\" data-large-file=\"https:\/\/i0.wp.com\/itayachtscanada.com\/wp-content\/uploads\/2025\/06\/Capture-decran-le-2025-06-19-a-13.26.22.jpg?fit=700%2C457&#038;ssl=1\" src=\"https:\/\/i0.wp.com\/itayachtscanada.com\/wp-content\/uploads\/2025\/06\/Capture-decran-le-2025-06-19-a-13.26.22.jpg?w=229&#038;h=150&#038;ssl=1\" srcset=\"https:\/\/i0.wp.com\/itayachtscanada.com\/wp-content\/uploads\/2025\/06\/Capture-decran-le-2025-06-19-a-13.26.22.jpg?w=1472&amp;ssl=1 1472w, https:\/\/i0.wp.com\/itayachtscanada.com\/wp-content\/uploads\/2025\/06\/Capture-decran-le-2025-06-19-a-13.26.22.jpg?resize=300%2C196&amp;ssl=1 300w, https:\/\/i0.wp.com\/itayachtscanada.com\/wp-content\/uploads\/2025\/06\/Capture-decran-le-2025-06-19-a-13.26.22.jpg?resize=1024%2C669&amp;ssl=1 1024w, https:\/\/i0.wp.com\/itayachtscanada.com\/wp-content\/uploads\/2025\/06\/Capture-decran-le-2025-06-19-a-13.26.22.jpg?resize=768%2C502&amp;ssl=1 768w, https:\/\/i0.wp.com\/itayachtscanada.com\/wp-content\/uploads\/2025\/06\/Capture-decran-le-2025-06-19-a-13.26.22.jpg?resize=700%2C457&amp;ssl=1 700w, https:\/\/i0.wp.com\/itayachtscanada.com\/wp-content\/uploads\/2025\/06\/Capture-decran-le-2025-06-19-a-13.26.22.jpg?resize=612%2C400&amp;ssl=1 612w, https:\/\/i0.wp.com\/itayachtscanada.com\/wp-content\/uploads\/2025\/06\/Capture-decran-le-2025-06-19-a-13.26.22.jpg?w=1400&amp;ssl=1 1400w\" width=\"229\" height=\"150\" loading=\"lazy\" data-original-width=\"229\" data-original-height=\"150\" itemprop=\"http:\/\/schema.org\/image\" title=\"Capture d\u2019e\u0301cran, le 2025-06-19 a\u0300 13.26.22\" alt=\"Capture d\u2019e\u0301cran, le 2025-06-19 a\u0300 13.26.22\" style=\"width: 229px; height: 150px;\" \/> <\/a> <\/div> <\/div> <!-- close group --> <div class=\"gallery-group images-1\" style=\"width: 233px; height: 154px;\" data-original-width=\"233\" data-original-height=\"154\" > <div class=\"tiled-gallery-item tiled-gallery-item-small\" itemprop=\"associatedMedia\" itemscope itemtype=\"http:\/\/schema.org\/ImageObject\"> <a href=\"https:\/\/itayachtscanada.com\/fr\/listing\/princess-s62-2021-2299000-usd-for-sale\/capture-decran-le-2025-06-19-a-13-25-48\/\" border=\"0\" itemprop=\"url\"> <meta itemprop=\"width\" content=\"229\"> <meta itemprop=\"height\" content=\"150\"> <img decoding=\"async\" class=\"\" data-attachment-id=\"269082\" data-orig-file=\"https:\/\/itayachtscanada.com\/wp-content\/uploads\/2025\/06\/Capture-decran-le-2025-06-19-a-13.25.48.jpg\" data-orig-size=\"1472,962\" data-comments-opened=\"1\" data-image-meta=\"{&quot;aperture&quot;:&quot;0&quot;,&quot;credit&quot;:&quot;&quot;,&quot;camera&quot;:&quot;&quot;,&quot;caption&quot;:&quot;&quot;,&quot;created_timestamp&quot;:&quot;0&quot;,&quot;copyright&quot;:&quot;&quot;,&quot;focal_length&quot;:&quot;0&quot;,&quot;iso&quot;:&quot;0&quot;,&quot;shutter_speed&quot;:&quot;0&quot;,&quot;title&quot;:&quot;&quot;,&quot;orientation&quot;:&quot;0&quot;}\" data-image-title=\"Capture d\u2019e\u0301cran, le 2025-06-19 a\u0300 13.25.48\" data-image-description=\"\" data-medium-file=\"https:\/\/i0.wp.com\/itayachtscanada.com\/wp-content\/uploads\/2025\/06\/Capture-decran-le-2025-06-19-a-13.25.48.jpg?fit=300%2C196&#038;ssl=1\" data-large-file=\"https:\/\/i0.wp.com\/itayachtscanada.com\/wp-content\/uploads\/2025\/06\/Capture-decran-le-2025-06-19-a-13.25.48.jpg?fit=700%2C457&#038;ssl=1\" src=\"https:\/\/i0.wp.com\/itayachtscanada.com\/wp-content\/uploads\/2025\/06\/Capture-decran-le-2025-06-19-a-13.25.48.jpg?w=229&#038;h=150&#038;ssl=1\" srcset=\"https:\/\/i0.wp.com\/itayachtscanada.com\/wp-content\/uploads\/2025\/06\/Capture-decran-le-2025-06-19-a-13.25.48.jpg?w=1472&amp;ssl=1 1472w, https:\/\/i0.wp.com\/itayachtscanada.com\/wp-content\/uploads\/2025\/06\/Capture-decran-le-2025-06-19-a-13.25.48.jpg?resize=300%2C196&amp;ssl=1 300w, https:\/\/i0.wp.com\/itayachtscanada.com\/wp-content\/uploads\/2025\/06\/Capture-decran-le-2025-06-19-a-13.25.48.jpg?resize=1024%2C669&amp;ssl=1 1024w, https:\/\/i0.wp.com\/itayachtscanada.com\/wp-content\/uploads\/2025\/06\/Capture-decran-le-2025-06-19-a-13.25.48.jpg?resize=768%2C502&amp;ssl=1 768w, https:\/\/i0.wp.com\/itayachtscanada.com\/wp-content\/uploads\/2025\/06\/Capture-decran-le-2025-06-19-a-13.25.48.jpg?resize=700%2C457&amp;ssl=1 700w, https:\/\/i0.wp.com\/itayachtscanada.com\/wp-content\/uploads\/2025\/06\/Capture-decran-le-2025-06-19-a-13.25.48.jpg?resize=612%2C400&amp;ssl=1 612w, https:\/\/i0.wp.com\/itayachtscanada.com\/wp-content\/uploads\/2025\/06\/Capture-decran-le-2025-06-19-a-13.25.48.jpg?w=1400&amp;ssl=1 1400w\" width=\"229\" height=\"150\" loading=\"lazy\" data-original-width=\"229\" data-original-height=\"150\" itemprop=\"http:\/\/schema.org\/image\" title=\"Capture d\u2019e\u0301cran, le 2025-06-19 a\u0300 13.25.48\" alt=\"Capture d\u2019e\u0301cran, le 2025-06-19 a\u0300 13.25.48\" style=\"width: 229px; height: 150px;\" \/> <\/a> <\/div> <\/div> <!-- close group --> <\/div> <!-- close row --> <div class=\"gallery-row\" style=\"width: 700px; height: 346px;\" data-original-width=\"700\" data-original-height=\"346\" > <div class=\"gallery-group images-1\" style=\"width: 700px; height: 346px;\" data-original-width=\"700\" data-original-height=\"346\" > <div class=\"tiled-gallery-item tiled-gallery-item-large\" itemprop=\"associatedMedia\" itemscope itemtype=\"http:\/\/schema.org\/ImageObject\"> <a href=\"https:\/\/itayachtscanada.com\/fr\/listing\/princess-s62-2021-2299000-usd-for-sale\/capture-decran-le-2025-06-19-a-13-25-15\/\" border=\"0\" itemprop=\"url\"> <meta itemprop=\"width\" content=\"696\"> <meta itemprop=\"height\" content=\"342\"> <img decoding=\"async\" class=\"\" data-attachment-id=\"269083\" data-orig-file=\"https:\/\/itayachtscanada.com\/wp-content\/uploads\/2025\/06\/Capture-decran-le-2025-06-19-a-13.25.15.jpg\" data-orig-size=\"1960,962\" data-comments-opened=\"1\" data-image-meta=\"{&quot;aperture&quot;:&quot;0&quot;,&quot;credit&quot;:&quot;&quot;,&quot;camera&quot;:&quot;&quot;,&quot;caption&quot;:&quot;&quot;,&quot;created_timestamp&quot;:&quot;0&quot;,&quot;copyright&quot;:&quot;&quot;,&quot;focal_length&quot;:&quot;0&quot;,&quot;iso&quot;:&quot;0&quot;,&quot;shutter_speed&quot;:&quot;0&quot;,&quot;title&quot;:&quot;&quot;,&quot;orientation&quot;:&quot;0&quot;}\" data-image-title=\"Capture d\u2019e\u0301cran, le 2025-06-19 a\u0300 13.25.15\" data-image-description=\"\" data-medium-file=\"https:\/\/i0.wp.com\/itayachtscanada.com\/wp-content\/uploads\/2025\/06\/Capture-decran-le-2025-06-19-a-13.25.15.jpg?fit=300%2C147&#038;ssl=1\" data-large-file=\"https:\/\/i0.wp.com\/itayachtscanada.com\/wp-content\/uploads\/2025\/06\/Capture-decran-le-2025-06-19-a-13.25.15.jpg?fit=700%2C344&#038;ssl=1\" src=\"https:\/\/i0.wp.com\/itayachtscanada.com\/wp-content\/uploads\/2025\/06\/Capture-decran-le-2025-06-19-a-13.25.15.jpg?w=696&#038;h=342&#038;ssl=1\" srcset=\"https:\/\/i0.wp.com\/itayachtscanada.com\/wp-content\/uploads\/2025\/06\/Capture-decran-le-2025-06-19-a-13.25.15.jpg?w=1960&amp;ssl=1 1960w, https:\/\/i0.wp.com\/itayachtscanada.com\/wp-content\/uploads\/2025\/06\/Capture-decran-le-2025-06-19-a-13.25.15.jpg?resize=300%2C147&amp;ssl=1 300w, https:\/\/i0.wp.com\/itayachtscanada.com\/wp-content\/uploads\/2025\/06\/Capture-decran-le-2025-06-19-a-13.25.15.jpg?resize=1024%2C503&amp;ssl=1 1024w, https:\/\/i0.wp.com\/itayachtscanada.com\/wp-content\/uploads\/2025\/06\/Capture-decran-le-2025-06-19-a-13.25.15.jpg?resize=768%2C377&amp;ssl=1 768w, https:\/\/i0.wp.com\/itayachtscanada.com\/wp-content\/uploads\/2025\/06\/Capture-decran-le-2025-06-19-a-13.25.15.jpg?resize=1536%2C754&amp;ssl=1 1536w, https:\/\/i0.wp.com\/itayachtscanada.com\/wp-content\/uploads\/2025\/06\/Capture-decran-le-2025-06-19-a-13.25.15.jpg?resize=700%2C344&amp;ssl=1 700w, https:\/\/i0.wp.com\/itayachtscanada.com\/wp-content\/uploads\/2025\/06\/Capture-decran-le-2025-06-19-a-13.25.15.jpg?resize=815%2C400&amp;ssl=1 815w, https:\/\/i0.wp.com\/itayachtscanada.com\/wp-content\/uploads\/2025\/06\/Capture-decran-le-2025-06-19-a-13.25.15.jpg?w=1400&amp;ssl=1 1400w\" width=\"696\" height=\"342\" loading=\"lazy\" data-original-width=\"696\" data-original-height=\"342\" itemprop=\"http:\/\/schema.org\/image\" title=\"Capture d\u2019e\u0301cran, le 2025-06-19 a\u0300 13.25.15\" alt=\"Capture d\u2019e\u0301cran, le 2025-06-19 a\u0300 13.25.15\" style=\"width: 696px; height: 342px;\" \/> <\/a> <\/div> <\/div> <!-- close group --> <\/div> <!-- close row --> <div class=\"gallery-row\" style=\"width: 700px; height: 308px;\" data-original-width=\"700\" data-original-height=\"308\" > <div class=\"gallery-group images-2\" style=\"width: 233px; height: 308px;\" data-original-width=\"233\" data-original-height=\"308\" > <div class=\"tiled-gallery-item tiled-gallery-item-small\" itemprop=\"associatedMedia\" itemscope itemtype=\"http:\/\/schema.org\/ImageObject\"> <a href=\"https:\/\/itayachtscanada.com\/fr\/listing\/princess-s62-2021-2299000-usd-for-sale\/capture-decran-le-2025-06-19-a-13-25-07\/\" border=\"0\" itemprop=\"url\"> <meta itemprop=\"width\" content=\"229\"> <meta itemprop=\"height\" content=\"150\"> <img decoding=\"async\" class=\"\" data-attachment-id=\"269084\" data-orig-file=\"https:\/\/itayachtscanada.com\/wp-content\/uploads\/2025\/06\/Capture-decran-le-2025-06-19-a-13.25.07.jpg\" data-orig-size=\"1464,962\" data-comments-opened=\"1\" data-image-meta=\"{&quot;aperture&quot;:&quot;0&quot;,&quot;credit&quot;:&quot;&quot;,&quot;camera&quot;:&quot;&quot;,&quot;caption&quot;:&quot;&quot;,&quot;created_timestamp&quot;:&quot;0&quot;,&quot;copyright&quot;:&quot;&quot;,&quot;focal_length&quot;:&quot;0&quot;,&quot;iso&quot;:&quot;0&quot;,&quot;shutter_speed&quot;:&quot;0&quot;,&quot;title&quot;:&quot;&quot;,&quot;orientation&quot;:&quot;0&quot;}\" data-image-title=\"Capture d\u2019e\u0301cran, le 2025-06-19 a\u0300 13.25.07\" data-image-description=\"\" data-medium-file=\"https:\/\/i0.wp.com\/itayachtscanada.com\/wp-content\/uploads\/2025\/06\/Capture-decran-le-2025-06-19-a-13.25.07.jpg?fit=300%2C197&#038;ssl=1\" data-large-file=\"https:\/\/i0.wp.com\/itayachtscanada.com\/wp-content\/uploads\/2025\/06\/Capture-decran-le-2025-06-19-a-13.25.07.jpg?fit=700%2C460&#038;ssl=1\" src=\"https:\/\/i0.wp.com\/itayachtscanada.com\/wp-content\/uploads\/2025\/06\/Capture-decran-le-2025-06-19-a-13.25.07.jpg?w=229&#038;h=150&#038;ssl=1\" srcset=\"https:\/\/i0.wp.com\/itayachtscanada.com\/wp-content\/uploads\/2025\/06\/Capture-decran-le-2025-06-19-a-13.25.07.jpg?w=1464&amp;ssl=1 1464w, https:\/\/i0.wp.com\/itayachtscanada.com\/wp-content\/uploads\/2025\/06\/Capture-decran-le-2025-06-19-a-13.25.07.jpg?resize=300%2C197&amp;ssl=1 300w, https:\/\/i0.wp.com\/itayachtscanada.com\/wp-content\/uploads\/2025\/06\/Capture-decran-le-2025-06-19-a-13.25.07.jpg?resize=1024%2C673&amp;ssl=1 1024w, https:\/\/i0.wp.com\/itayachtscanada.com\/wp-content\/uploads\/2025\/06\/Capture-decran-le-2025-06-19-a-13.25.07.jpg?resize=768%2C505&amp;ssl=1 768w, https:\/\/i0.wp.com\/itayachtscanada.com\/wp-content\/uploads\/2025\/06\/Capture-decran-le-2025-06-19-a-13.25.07.jpg?resize=700%2C460&amp;ssl=1 700w, https:\/\/i0.wp.com\/itayachtscanada.com\/wp-content\/uploads\/2025\/06\/Capture-decran-le-2025-06-19-a-13.25.07.jpg?resize=609%2C400&amp;ssl=1 609w, https:\/\/i0.wp.com\/itayachtscanada.com\/wp-content\/uploads\/2025\/06\/Capture-decran-le-2025-06-19-a-13.25.07.jpg?w=1400&amp;ssl=1 1400w\" width=\"229\" height=\"150\" loading=\"lazy\" data-original-width=\"229\" data-original-height=\"150\" itemprop=\"http:\/\/schema.org\/image\" title=\"Capture d\u2019e\u0301cran, le 2025-06-19 a\u0300 13.25.07\" alt=\"Capture d\u2019e\u0301cran, le 2025-06-19 a\u0300 13.25.07\" style=\"width: 229px; height: 150px;\" \/> <\/a> <\/div> <div class=\"tiled-gallery-item tiled-gallery-item-small\" itemprop=\"associatedMedia\" itemscope itemtype=\"http:\/\/schema.org\/ImageObject\"> <a href=\"https:\/\/itayachtscanada.com\/fr\/listing\/princess-s62-2021-2299000-usd-for-sale\/capture-decran-le-2025-06-19-a-13-25-01\/\" border=\"0\" itemprop=\"url\"> <meta itemprop=\"width\" content=\"229\"> <meta itemprop=\"height\" content=\"150\"> <img decoding=\"async\" class=\"\" data-attachment-id=\"269085\" data-orig-file=\"https:\/\/itayachtscanada.com\/wp-content\/uploads\/2025\/06\/Capture-decran-le-2025-06-19-a-13.25.01.jpg\" data-orig-size=\"1464,962\" data-comments-opened=\"1\" data-image-meta=\"{&quot;aperture&quot;:&quot;0&quot;,&quot;credit&quot;:&quot;&quot;,&quot;camera&quot;:&quot;&quot;,&quot;caption&quot;:&quot;&quot;,&quot;created_timestamp&quot;:&quot;0&quot;,&quot;copyright&quot;:&quot;&quot;,&quot;focal_length&quot;:&quot;0&quot;,&quot;iso&quot;:&quot;0&quot;,&quot;shutter_speed&quot;:&quot;0&quot;,&quot;title&quot;:&quot;&quot;,&quot;orientation&quot;:&quot;0&quot;}\" data-image-title=\"Capture d\u2019e\u0301cran, le 2025-06-19 a\u0300 13.25.01\" data-image-description=\"\" data-medium-file=\"https:\/\/i0.wp.com\/itayachtscanada.com\/wp-content\/uploads\/2025\/06\/Capture-decran-le-2025-06-19-a-13.25.01.jpg?fit=300%2C197&#038;ssl=1\" data-large-file=\"https:\/\/i0.wp.com\/itayachtscanada.com\/wp-content\/uploads\/2025\/06\/Capture-decran-le-2025-06-19-a-13.25.01.jpg?fit=700%2C460&#038;ssl=1\" src=\"https:\/\/i0.wp.com\/itayachtscanada.com\/wp-content\/uploads\/2025\/06\/Capture-decran-le-2025-06-19-a-13.25.01.jpg?w=229&#038;h=150&#038;ssl=1\" srcset=\"https:\/\/i0.wp.com\/itayachtscanada.com\/wp-content\/uploads\/2025\/06\/Capture-decran-le-2025-06-19-a-13.25.01.jpg?w=1464&amp;ssl=1 1464w, https:\/\/i0.wp.com\/itayachtscanada.com\/wp-content\/uploads\/2025\/06\/Capture-decran-le-2025-06-19-a-13.25.01.jpg?resize=300%2C197&amp;ssl=1 300w, https:\/\/i0.wp.com\/itayachtscanada.com\/wp-content\/uploads\/2025\/06\/Capture-decran-le-2025-06-19-a-13.25.01.jpg?resize=1024%2C673&amp;ssl=1 1024w, https:\/\/i0.wp.com\/itayachtscanada.com\/wp-content\/uploads\/2025\/06\/Capture-decran-le-2025-06-19-a-13.25.01.jpg?resize=768%2C505&amp;ssl=1 768w, https:\/\/i0.wp.com\/itayachtscanada.com\/wp-content\/uploads\/2025\/06\/Capture-decran-le-2025-06-19-a-13.25.01.jpg?resize=700%2C460&amp;ssl=1 700w, https:\/\/i0.wp.com\/itayachtscanada.com\/wp-content\/uploads\/2025\/06\/Capture-decran-le-2025-06-19-a-13.25.01.jpg?resize=609%2C400&amp;ssl=1 609w, https:\/\/i0.wp.com\/itayachtscanada.com\/wp-content\/uploads\/2025\/06\/Capture-decran-le-2025-06-19-a-13.25.01.jpg?w=1400&amp;ssl=1 1400w\" width=\"229\" height=\"150\" loading=\"lazy\" data-original-width=\"229\" data-original-height=\"150\" itemprop=\"http:\/\/schema.org\/image\" title=\"Capture d\u2019e\u0301cran, le 2025-06-19 a\u0300 13.25.01\" alt=\"Capture d\u2019e\u0301cran, le 2025-06-19 a\u0300 13.25.01\" style=\"width: 229px; height: 150px;\" \/> <\/a> <\/div> <\/div> <!-- close group --> <div class=\"gallery-group images-1\" style=\"width: 467px; height: 308px;\" data-original-width=\"467\" data-original-height=\"308\" > <div class=\"tiled-gallery-item tiled-gallery-item-large\" itemprop=\"associatedMedia\" itemscope itemtype=\"http:\/\/schema.org\/ImageObject\"> <a href=\"https:\/\/itayachtscanada.com\/fr\/listing\/princess-s62-2021-2299000-usd-for-sale\/capture-decran-le-2025-06-19-a-13-23-32\/\" border=\"0\" itemprop=\"url\"> <meta itemprop=\"width\" content=\"463\"> <meta itemprop=\"height\" content=\"304\"> <img decoding=\"async\" class=\"\" data-attachment-id=\"269086\" data-orig-file=\"https:\/\/itayachtscanada.com\/wp-content\/uploads\/2025\/06\/Capture-decran-le-2025-06-19-a-13.23.32.jpg\" data-orig-size=\"1464,962\" data-comments-opened=\"1\" data-image-meta=\"{&quot;aperture&quot;:&quot;0&quot;,&quot;credit&quot;:&quot;&quot;,&quot;camera&quot;:&quot;&quot;,&quot;caption&quot;:&quot;&quot;,&quot;created_timestamp&quot;:&quot;0&quot;,&quot;copyright&quot;:&quot;&quot;,&quot;focal_length&quot;:&quot;0&quot;,&quot;iso&quot;:&quot;0&quot;,&quot;shutter_speed&quot;:&quot;0&quot;,&quot;title&quot;:&quot;&quot;,&quot;orientation&quot;:&quot;0&quot;}\" data-image-title=\"Capture d\u2019e\u0301cran, le 2025-06-19 a\u0300 13.23.32\" data-image-description=\"\" data-medium-file=\"https:\/\/i0.wp.com\/itayachtscanada.com\/wp-content\/uploads\/2025\/06\/Capture-decran-le-2025-06-19-a-13.23.32.jpg?fit=300%2C197&#038;ssl=1\" data-large-file=\"https:\/\/i0.wp.com\/itayachtscanada.com\/wp-content\/uploads\/2025\/06\/Capture-decran-le-2025-06-19-a-13.23.32.jpg?fit=700%2C460&#038;ssl=1\" src=\"https:\/\/i0.wp.com\/itayachtscanada.com\/wp-content\/uploads\/2025\/06\/Capture-decran-le-2025-06-19-a-13.23.32.jpg?w=463&#038;h=304&#038;ssl=1\" srcset=\"https:\/\/i0.wp.com\/itayachtscanada.com\/wp-content\/uploads\/2025\/06\/Capture-decran-le-2025-06-19-a-13.23.32.jpg?w=1464&amp;ssl=1 1464w, https:\/\/i0.wp.com\/itayachtscanada.com\/wp-content\/uploads\/2025\/06\/Capture-decran-le-2025-06-19-a-13.23.32.jpg?resize=300%2C197&amp;ssl=1 300w, https:\/\/i0.wp.com\/itayachtscanada.com\/wp-content\/uploads\/2025\/06\/Capture-decran-le-2025-06-19-a-13.23.32.jpg?resize=1024%2C673&amp;ssl=1 1024w, https:\/\/i0.wp.com\/itayachtscanada.com\/wp-content\/uploads\/2025\/06\/Capture-decran-le-2025-06-19-a-13.23.32.jpg?resize=768%2C505&amp;ssl=1 768w, https:\/\/i0.wp.com\/itayachtscanada.com\/wp-content\/uploads\/2025\/06\/Capture-decran-le-2025-06-19-a-13.23.32.jpg?resize=700%2C460&amp;ssl=1 700w, https:\/\/i0.wp.com\/itayachtscanada.com\/wp-content\/uploads\/2025\/06\/Capture-decran-le-2025-06-19-a-13.23.32.jpg?resize=609%2C400&amp;ssl=1 609w, https:\/\/i0.wp.com\/itayachtscanada.com\/wp-content\/uploads\/2025\/06\/Capture-decran-le-2025-06-19-a-13.23.32.jpg?w=1400&amp;ssl=1 1400w\" width=\"463\" height=\"304\" loading=\"lazy\" data-original-width=\"463\" data-original-height=\"304\" itemprop=\"http:\/\/schema.org\/image\" title=\"Capture d\u2019e\u0301cran, le 2025-06-19 a\u0300 13.23.32\" alt=\"Capture d\u2019e\u0301cran, le 2025-06-19 a\u0300 13.23.32\" style=\"width: 463px; height: 304px;\" \/> <\/a> <\/div> <\/div> <!-- close group --> <\/div> <!-- close row --> <div class=\"gallery-row\" style=\"width: 700px; height: 308px;\" data-original-width=\"700\" data-original-height=\"308\" > <div class=\"gallery-group images-1\" style=\"width: 467px; height: 308px;\" data-original-width=\"467\" data-original-height=\"308\" > <div class=\"tiled-gallery-item tiled-gallery-item-large\" itemprop=\"associatedMedia\" itemscope itemtype=\"http:\/\/schema.org\/ImageObject\"> <a href=\"https:\/\/itayachtscanada.com\/fr\/listing\/princess-s62-2021-2299000-usd-for-sale\/capture-decran-le-2025-06-19-a-13-23-12\/\" border=\"0\" itemprop=\"url\"> <meta itemprop=\"width\" content=\"463\"> <meta itemprop=\"height\" content=\"304\"> <img decoding=\"async\" class=\"\" data-attachment-id=\"269087\" data-orig-file=\"https:\/\/itayachtscanada.com\/wp-content\/uploads\/2025\/06\/Capture-decran-le-2025-06-19-a-13.23.12.jpg\" data-orig-size=\"1464,962\" data-comments-opened=\"1\" data-image-meta=\"{&quot;aperture&quot;:&quot;0&quot;,&quot;credit&quot;:&quot;&quot;,&quot;camera&quot;:&quot;&quot;,&quot;caption&quot;:&quot;&quot;,&quot;created_timestamp&quot;:&quot;0&quot;,&quot;copyright&quot;:&quot;&quot;,&quot;focal_length&quot;:&quot;0&quot;,&quot;iso&quot;:&quot;0&quot;,&quot;shutter_speed&quot;:&quot;0&quot;,&quot;title&quot;:&quot;&quot;,&quot;orientation&quot;:&quot;0&quot;}\" data-image-title=\"Capture d\u2019e\u0301cran, le 2025-06-19 a\u0300 13.23.12\" data-image-description=\"\" data-medium-file=\"https:\/\/i0.wp.com\/itayachtscanada.com\/wp-content\/uploads\/2025\/06\/Capture-decran-le-2025-06-19-a-13.23.12.jpg?fit=300%2C197&#038;ssl=1\" data-large-file=\"https:\/\/i0.wp.com\/itayachtscanada.com\/wp-content\/uploads\/2025\/06\/Capture-decran-le-2025-06-19-a-13.23.12.jpg?fit=700%2C460&#038;ssl=1\" src=\"https:\/\/i0.wp.com\/itayachtscanada.com\/wp-content\/uploads\/2025\/06\/Capture-decran-le-2025-06-19-a-13.23.12.jpg?w=463&#038;h=304&#038;ssl=1\" srcset=\"https:\/\/i0.wp.com\/itayachtscanada.com\/wp-content\/uploads\/2025\/06\/Capture-decran-le-2025-06-19-a-13.23.12.jpg?w=1464&amp;ssl=1 1464w, https:\/\/i0.wp.com\/itayachtscanada.com\/wp-content\/uploads\/2025\/06\/Capture-decran-le-2025-06-19-a-13.23.12.jpg?resize=300%2C197&amp;ssl=1 300w, https:\/\/i0.wp.com\/itayachtscanada.com\/wp-content\/uploads\/2025\/06\/Capture-decran-le-2025-06-19-a-13.23.12.jpg?resize=1024%2C673&amp;ssl=1 1024w, https:\/\/i0.wp.com\/itayachtscanada.com\/wp-content\/uploads\/2025\/06\/Capture-decran-le-2025-06-19-a-13.23.12.jpg?resize=768%2C505&amp;ssl=1 768w, https:\/\/i0.wp.com\/itayachtscanada.com\/wp-content\/uploads\/2025\/06\/Capture-decran-le-2025-06-19-a-13.23.12.jpg?resize=700%2C460&amp;ssl=1 700w, https:\/\/i0.wp.com\/itayachtscanada.com\/wp-content\/uploads\/2025\/06\/Capture-decran-le-2025-06-19-a-13.23.12.jpg?resize=609%2C400&amp;ssl=1 609w, https:\/\/i0.wp.com\/itayachtscanada.com\/wp-content\/uploads\/2025\/06\/Capture-decran-le-2025-06-19-a-13.23.12.jpg?w=1400&amp;ssl=1 1400w\" width=\"463\" height=\"304\" loading=\"lazy\" data-original-width=\"463\" data-original-height=\"304\" itemprop=\"http:\/\/schema.org\/image\" title=\"Capture d\u2019e\u0301cran, le 2025-06-19 a\u0300 13.23.12\" alt=\"Capture d\u2019e\u0301cran, le 2025-06-19 a\u0300 13.23.12\" style=\"width: 463px; height: 304px;\" \/> <\/a> <\/div> <\/div> <!-- close group --> <div class=\"gallery-group images-2\" style=\"width: 233px; height: 308px;\" data-original-width=\"233\" data-original-height=\"308\" > <div class=\"tiled-gallery-item tiled-gallery-item-small\" itemprop=\"associatedMedia\" itemscope itemtype=\"http:\/\/schema.org\/ImageObject\"> <a href=\"https:\/\/itayachtscanada.com\/fr\/listing\/princess-s62-2021-2299000-usd-for-sale\/capture-decran-le-2025-06-19-a-13-23-08\/\" border=\"0\" itemprop=\"url\"> <meta itemprop=\"width\" content=\"229\"> <meta itemprop=\"height\" content=\"150\"> <img decoding=\"async\" class=\"\" data-attachment-id=\"269088\" data-orig-file=\"https:\/\/itayachtscanada.com\/wp-content\/uploads\/2025\/06\/Capture-decran-le-2025-06-19-a-13.23.08.jpg\" data-orig-size=\"1464,962\" data-comments-opened=\"1\" data-image-meta=\"{&quot;aperture&quot;:&quot;0&quot;,&quot;credit&quot;:&quot;&quot;,&quot;camera&quot;:&quot;&quot;,&quot;caption&quot;:&quot;&quot;,&quot;created_timestamp&quot;:&quot;0&quot;,&quot;copyright&quot;:&quot;&quot;,&quot;focal_length&quot;:&quot;0&quot;,&quot;iso&quot;:&quot;0&quot;,&quot;shutter_speed&quot;:&quot;0&quot;,&quot;title&quot;:&quot;&quot;,&quot;orientation&quot;:&quot;0&quot;}\" data-image-title=\"Capture d\u2019e\u0301cran, le 2025-06-19 a\u0300 13.23.08\" data-image-description=\"\" data-medium-file=\"https:\/\/i0.wp.com\/itayachtscanada.com\/wp-content\/uploads\/2025\/06\/Capture-decran-le-2025-06-19-a-13.23.08.jpg?fit=300%2C197&#038;ssl=1\" data-large-file=\"https:\/\/i0.wp.com\/itayachtscanada.com\/wp-content\/uploads\/2025\/06\/Capture-decran-le-2025-06-19-a-13.23.08.jpg?fit=700%2C460&#038;ssl=1\" src=\"https:\/\/i0.wp.com\/itayachtscanada.com\/wp-content\/uploads\/2025\/06\/Capture-decran-le-2025-06-19-a-13.23.08.jpg?w=229&#038;h=150&#038;ssl=1\" srcset=\"https:\/\/i0.wp.com\/itayachtscanada.com\/wp-content\/uploads\/2025\/06\/Capture-decran-le-2025-06-19-a-13.23.08.jpg?w=1464&amp;ssl=1 1464w, https:\/\/i0.wp.com\/itayachtscanada.com\/wp-content\/uploads\/2025\/06\/Capture-decran-le-2025-06-19-a-13.23.08.jpg?resize=300%2C197&amp;ssl=1 300w, https:\/\/i0.wp.com\/itayachtscanada.com\/wp-content\/uploads\/2025\/06\/Capture-decran-le-2025-06-19-a-13.23.08.jpg?resize=1024%2C673&amp;ssl=1 1024w, https:\/\/i0.wp.com\/itayachtscanada.com\/wp-content\/uploads\/2025\/06\/Capture-decran-le-2025-06-19-a-13.23.08.jpg?resize=768%2C505&amp;ssl=1 768w, https:\/\/i0.wp.com\/itayachtscanada.com\/wp-content\/uploads\/2025\/06\/Capture-decran-le-2025-06-19-a-13.23.08.jpg?resize=700%2C460&amp;ssl=1 700w, https:\/\/i0.wp.com\/itayachtscanada.com\/wp-content\/uploads\/2025\/06\/Capture-decran-le-2025-06-19-a-13.23.08.jpg?resize=609%2C400&amp;ssl=1 609w, https:\/\/i0.wp.com\/itayachtscanada.com\/wp-content\/uploads\/2025\/06\/Capture-decran-le-2025-06-19-a-13.23.08.jpg?w=1400&amp;ssl=1 1400w\" width=\"229\" height=\"150\" loading=\"lazy\" data-original-width=\"229\" data-original-height=\"150\" itemprop=\"http:\/\/schema.org\/image\" title=\"Capture d\u2019e\u0301cran, le 2025-06-19 a\u0300 13.23.08\" alt=\"Capture d\u2019e\u0301cran, le 2025-06-19 a\u0300 13.23.08\" style=\"width: 229px; height: 150px;\" \/> <\/a> <\/div> <div class=\"tiled-gallery-item tiled-gallery-item-small\" itemprop=\"associatedMedia\" itemscope itemtype=\"http:\/\/schema.org\/ImageObject\"> <a href=\"https:\/\/itayachtscanada.com\/fr\/listing\/princess-s62-2021-2299000-usd-for-sale\/capture-decran-le-2025-06-19-a-13-23-05\/\" border=\"0\" itemprop=\"url\"> <meta itemprop=\"width\" content=\"229\"> <meta itemprop=\"height\" content=\"150\"> <img decoding=\"async\" class=\"\" data-attachment-id=\"269089\" data-orig-file=\"https:\/\/itayachtscanada.com\/wp-content\/uploads\/2025\/06\/Capture-decran-le-2025-06-19-a-13.23.05.jpg\" data-orig-size=\"1464,962\" data-comments-opened=\"1\" data-image-meta=\"{&quot;aperture&quot;:&quot;0&quot;,&quot;credit&quot;:&quot;&quot;,&quot;camera&quot;:&quot;&quot;,&quot;caption&quot;:&quot;&quot;,&quot;created_timestamp&quot;:&quot;0&quot;,&quot;copyright&quot;:&quot;&quot;,&quot;focal_length&quot;:&quot;0&quot;,&quot;iso&quot;:&quot;0&quot;,&quot;shutter_speed&quot;:&quot;0&quot;,&quot;title&quot;:&quot;&quot;,&quot;orientation&quot;:&quot;0&quot;}\" data-image-title=\"Capture d\u2019e\u0301cran, le 2025-06-19 a\u0300 13.23.05\" data-image-description=\"\" data-medium-file=\"https:\/\/i0.wp.com\/itayachtscanada.com\/wp-content\/uploads\/2025\/06\/Capture-decran-le-2025-06-19-a-13.23.05.jpg?fit=300%2C197&#038;ssl=1\" data-large-file=\"https:\/\/i0.wp.com\/itayachtscanada.com\/wp-content\/uploads\/2025\/06\/Capture-decran-le-2025-06-19-a-13.23.05.jpg?fit=700%2C460&#038;ssl=1\" src=\"https:\/\/i0.wp.com\/itayachtscanada.com\/wp-content\/uploads\/2025\/06\/Capture-decran-le-2025-06-19-a-13.23.05.jpg?w=229&#038;h=150&#038;ssl=1\" srcset=\"https:\/\/i0.wp.com\/itayachtscanada.com\/wp-content\/uploads\/2025\/06\/Capture-decran-le-2025-06-19-a-13.23.05.jpg?w=1464&amp;ssl=1 1464w, https:\/\/i0.wp.com\/itayachtscanada.com\/wp-content\/uploads\/2025\/06\/Capture-decran-le-2025-06-19-a-13.23.05.jpg?resize=300%2C197&amp;ssl=1 300w, https:\/\/i0.wp.com\/itayachtscanada.com\/wp-content\/uploads\/2025\/06\/Capture-decran-le-2025-06-19-a-13.23.05.jpg?resize=1024%2C673&amp;ssl=1 1024w, https:\/\/i0.wp.com\/itayachtscanada.com\/wp-content\/uploads\/2025\/06\/Capture-decran-le-2025-06-19-a-13.23.05.jpg?resize=768%2C505&amp;ssl=1 768w, https:\/\/i0.wp.com\/itayachtscanada.com\/wp-content\/uploads\/2025\/06\/Capture-decran-le-2025-06-19-a-13.23.05.jpg?resize=700%2C460&amp;ssl=1 700w, https:\/\/i0.wp.com\/itayachtscanada.com\/wp-content\/uploads\/2025\/06\/Capture-decran-le-2025-06-19-a-13.23.05.jpg?resize=609%2C400&amp;ssl=1 609w, https:\/\/i0.wp.com\/itayachtscanada.com\/wp-content\/uploads\/2025\/06\/Capture-decran-le-2025-06-19-a-13.23.05.jpg?w=1400&amp;ssl=1 1400w\" width=\"229\" height=\"150\" loading=\"lazy\" data-original-width=\"229\" data-original-height=\"150\" itemprop=\"http:\/\/schema.org\/image\" title=\"Capture d\u2019e\u0301cran, le 2025-06-19 a\u0300 13.23.05\" alt=\"Capture d\u2019e\u0301cran, le 2025-06-19 a\u0300 13.23.05\" style=\"width: 229px; height: 150px;\" \/> <\/a> <\/div> <\/div> <!-- close group --> <\/div> <!-- close row --> <div class=\"gallery-row\" style=\"width: 700px; height: 155px;\" data-original-width=\"700\" data-original-height=\"155\" > <div class=\"gallery-group images-1\" style=\"width: 234px; height: 155px;\" data-original-width=\"234\" data-original-height=\"155\" > <div class=\"tiled-gallery-item tiled-gallery-item-small\" itemprop=\"associatedMedia\" itemscope itemtype=\"http:\/\/schema.org\/ImageObject\"> <a href=\"https:\/\/itayachtscanada.com\/fr\/listing\/princess-s62-2021-2299000-usd-for-sale\/capture-decran-le-2025-06-19-a-13-23-02\/\" border=\"0\" itemprop=\"url\"> <meta itemprop=\"width\" content=\"230\"> <meta itemprop=\"height\" content=\"151\"> <img decoding=\"async\" class=\"\" data-attachment-id=\"269090\" data-orig-file=\"https:\/\/itayachtscanada.com\/wp-content\/uploads\/2025\/06\/Capture-decran-le-2025-06-19-a-13.23.02.jpg\" data-orig-size=\"1464,962\" data-comments-opened=\"1\" data-image-meta=\"{&quot;aperture&quot;:&quot;0&quot;,&quot;credit&quot;:&quot;&quot;,&quot;camera&quot;:&quot;&quot;,&quot;caption&quot;:&quot;&quot;,&quot;created_timestamp&quot;:&quot;0&quot;,&quot;copyright&quot;:&quot;&quot;,&quot;focal_length&quot;:&quot;0&quot;,&quot;iso&quot;:&quot;0&quot;,&quot;shutter_speed&quot;:&quot;0&quot;,&quot;title&quot;:&quot;&quot;,&quot;orientation&quot;:&quot;0&quot;}\" data-image-title=\"Capture d\u2019e\u0301cran, le 2025-06-19 a\u0300 13.23.02\" data-image-description=\"\" data-medium-file=\"https:\/\/i0.wp.com\/itayachtscanada.com\/wp-content\/uploads\/2025\/06\/Capture-decran-le-2025-06-19-a-13.23.02.jpg?fit=300%2C197&#038;ssl=1\" data-large-file=\"https:\/\/i0.wp.com\/itayachtscanada.com\/wp-content\/uploads\/2025\/06\/Capture-decran-le-2025-06-19-a-13.23.02.jpg?fit=700%2C460&#038;ssl=1\" src=\"https:\/\/i0.wp.com\/itayachtscanada.com\/wp-content\/uploads\/2025\/06\/Capture-decran-le-2025-06-19-a-13.23.02.jpg?w=230&#038;h=151&#038;ssl=1\" srcset=\"https:\/\/i0.wp.com\/itayachtscanada.com\/wp-content\/uploads\/2025\/06\/Capture-decran-le-2025-06-19-a-13.23.02.jpg?w=1464&amp;ssl=1 1464w, https:\/\/i0.wp.com\/itayachtscanada.com\/wp-content\/uploads\/2025\/06\/Capture-decran-le-2025-06-19-a-13.23.02.jpg?resize=300%2C197&amp;ssl=1 300w, https:\/\/i0.wp.com\/itayachtscanada.com\/wp-content\/uploads\/2025\/06\/Capture-decran-le-2025-06-19-a-13.23.02.jpg?resize=1024%2C673&amp;ssl=1 1024w, https:\/\/i0.wp.com\/itayachtscanada.com\/wp-content\/uploads\/2025\/06\/Capture-decran-le-2025-06-19-a-13.23.02.jpg?resize=768%2C505&amp;ssl=1 768w, https:\/\/i0.wp.com\/itayachtscanada.com\/wp-content\/uploads\/2025\/06\/Capture-decran-le-2025-06-19-a-13.23.02.jpg?resize=700%2C460&amp;ssl=1 700w, https:\/\/i0.wp.com\/itayachtscanada.com\/wp-content\/uploads\/2025\/06\/Capture-decran-le-2025-06-19-a-13.23.02.jpg?resize=609%2C400&amp;ssl=1 609w, https:\/\/i0.wp.com\/itayachtscanada.com\/wp-content\/uploads\/2025\/06\/Capture-decran-le-2025-06-19-a-13.23.02.jpg?w=1400&amp;ssl=1 1400w\" width=\"230\" height=\"151\" loading=\"lazy\" data-original-width=\"230\" data-original-height=\"151\" itemprop=\"http:\/\/schema.org\/image\" title=\"Capture d\u2019e\u0301cran, le 2025-06-19 a\u0300 13.23.02\" alt=\"Capture d\u2019e\u0301cran, le 2025-06-19 a\u0300 13.23.02\" style=\"width: 230px; height: 151px;\" \/> <\/a> <\/div> <\/div> <!-- close group --> <div class=\"gallery-group images-1\" style=\"width: 233px; height: 155px;\" data-original-width=\"233\" data-original-height=\"155\" > <div class=\"tiled-gallery-item tiled-gallery-item-small\" itemprop=\"associatedMedia\" itemscope itemtype=\"http:\/\/schema.org\/ImageObject\"> <a href=\"https:\/\/itayachtscanada.com\/fr\/listing\/princess-s62-2021-2299000-usd-for-sale\/capture-decran-le-2025-06-19-a-13-22-58\/\" border=\"0\" itemprop=\"url\"> <meta itemprop=\"width\" content=\"229\"> <meta itemprop=\"height\" content=\"151\"> <img decoding=\"async\" class=\"\" data-attachment-id=\"269091\" data-orig-file=\"https:\/\/itayachtscanada.com\/wp-content\/uploads\/2025\/06\/Capture-decran-le-2025-06-19-a-13.22.58.jpg\" data-orig-size=\"1464,962\" data-comments-opened=\"1\" data-image-meta=\"{&quot;aperture&quot;:&quot;0&quot;,&quot;credit&quot;:&quot;&quot;,&quot;camera&quot;:&quot;&quot;,&quot;caption&quot;:&quot;&quot;,&quot;created_timestamp&quot;:&quot;0&quot;,&quot;copyright&quot;:&quot;&quot;,&quot;focal_length&quot;:&quot;0&quot;,&quot;iso&quot;:&quot;0&quot;,&quot;shutter_speed&quot;:&quot;0&quot;,&quot;title&quot;:&quot;&quot;,&quot;orientation&quot;:&quot;0&quot;}\" data-image-title=\"Capture d\u2019e\u0301cran, le 2025-06-19 a\u0300 13.22.58\" data-image-description=\"\" data-medium-file=\"https:\/\/i0.wp.com\/itayachtscanada.com\/wp-content\/uploads\/2025\/06\/Capture-decran-le-2025-06-19-a-13.22.58.jpg?fit=300%2C197&#038;ssl=1\" data-large-file=\"https:\/\/i0.wp.com\/itayachtscanada.com\/wp-content\/uploads\/2025\/06\/Capture-decran-le-2025-06-19-a-13.22.58.jpg?fit=700%2C460&#038;ssl=1\" src=\"https:\/\/i0.wp.com\/itayachtscanada.com\/wp-content\/uploads\/2025\/06\/Capture-decran-le-2025-06-19-a-13.22.58.jpg?w=229&#038;h=151&#038;ssl=1\" srcset=\"https:\/\/i0.wp.com\/itayachtscanada.com\/wp-content\/uploads\/2025\/06\/Capture-decran-le-2025-06-19-a-13.22.58.jpg?w=1464&amp;ssl=1 1464w, https:\/\/i0.wp.com\/itayachtscanada.com\/wp-content\/uploads\/2025\/06\/Capture-decran-le-2025-06-19-a-13.22.58.jpg?resize=300%2C197&amp;ssl=1 300w, https:\/\/i0.wp.com\/itayachtscanada.com\/wp-content\/uploads\/2025\/06\/Capture-decran-le-2025-06-19-a-13.22.58.jpg?resize=1024%2C673&amp;ssl=1 1024w, https:\/\/i0.wp.com\/itayachtscanada.com\/wp-content\/uploads\/2025\/06\/Capture-decran-le-2025-06-19-a-13.22.58.jpg?resize=768%2C505&amp;ssl=1 768w, https:\/\/i0.wp.com\/itayachtscanada.com\/wp-content\/uploads\/2025\/06\/Capture-decran-le-2025-06-19-a-13.22.58.jpg?resize=700%2C460&amp;ssl=1 700w, https:\/\/i0.wp.com\/itayachtscanada.com\/wp-content\/uploads\/2025\/06\/Capture-decran-le-2025-06-19-a-13.22.58.jpg?resize=609%2C400&amp;ssl=1 609w, https:\/\/i0.wp.com\/itayachtscanada.com\/wp-content\/uploads\/2025\/06\/Capture-decran-le-2025-06-19-a-13.22.58.jpg?w=1400&amp;ssl=1 1400w\" width=\"229\" height=\"151\" loading=\"lazy\" data-original-width=\"229\" data-original-height=\"151\" itemprop=\"http:\/\/schema.org\/image\" title=\"Capture d\u2019e\u0301cran, le 2025-06-19 a\u0300 13.22.58\" alt=\"Capture d\u2019e\u0301cran, le 2025-06-19 a\u0300 13.22.58\" style=\"width: 229px; height: 151px;\" \/> <\/a> <\/div> <\/div> <!-- close group --> <div class=\"gallery-group images-1\" style=\"width: 233px; height: 155px;\" data-original-width=\"233\" data-original-height=\"155\" > <div class=\"tiled-gallery-item tiled-gallery-item-small\" itemprop=\"associatedMedia\" itemscope itemtype=\"http:\/\/schema.org\/ImageObject\"> <a href=\"https:\/\/itayachtscanada.com\/fr\/listing\/princess-s62-2021-2299000-usd-for-sale\/capture-decran-le-2025-06-19-a-13-22-55\/\" border=\"0\" itemprop=\"url\"> <meta itemprop=\"width\" content=\"229\"> <meta itemprop=\"height\" content=\"151\"> <img decoding=\"async\" class=\"\" data-attachment-id=\"269092\" data-orig-file=\"https:\/\/itayachtscanada.com\/wp-content\/uploads\/2025\/06\/Capture-decran-le-2025-06-19-a-13.22.55.jpg\" data-orig-size=\"1464,962\" data-comments-opened=\"1\" data-image-meta=\"{&quot;aperture&quot;:&quot;0&quot;,&quot;credit&quot;:&quot;&quot;,&quot;camera&quot;:&quot;&quot;,&quot;caption&quot;:&quot;&quot;,&quot;created_timestamp&quot;:&quot;0&quot;,&quot;copyright&quot;:&quot;&quot;,&quot;focal_length&quot;:&quot;0&quot;,&quot;iso&quot;:&quot;0&quot;,&quot;shutter_speed&quot;:&quot;0&quot;,&quot;title&quot;:&quot;&quot;,&quot;orientation&quot;:&quot;0&quot;}\" data-image-title=\"Capture d\u2019e\u0301cran, le 2025-06-19 a\u0300 13.22.55\" data-image-description=\"\" data-medium-file=\"https:\/\/i0.wp.com\/itayachtscanada.com\/wp-content\/uploads\/2025\/06\/Capture-decran-le-2025-06-19-a-13.22.55.jpg?fit=300%2C197&#038;ssl=1\" data-large-file=\"https:\/\/i0.wp.com\/itayachtscanada.com\/wp-content\/uploads\/2025\/06\/Capture-decran-le-2025-06-19-a-13.22.55.jpg?fit=700%2C460&#038;ssl=1\" src=\"https:\/\/i0.wp.com\/itayachtscanada.com\/wp-content\/uploads\/2025\/06\/Capture-decran-le-2025-06-19-a-13.22.55.jpg?w=229&#038;h=151&#038;ssl=1\" srcset=\"https:\/\/i0.wp.com\/itayachtscanada.com\/wp-content\/uploads\/2025\/06\/Capture-decran-le-2025-06-19-a-13.22.55.jpg?w=1464&amp;ssl=1 1464w, https:\/\/i0.wp.com\/itayachtscanada.com\/wp-content\/uploads\/2025\/06\/Capture-decran-le-2025-06-19-a-13.22.55.jpg?resize=300%2C197&amp;ssl=1 300w, https:\/\/i0.wp.com\/itayachtscanada.com\/wp-content\/uploads\/2025\/06\/Capture-decran-le-2025-06-19-a-13.22.55.jpg?resize=1024%2C673&amp;ssl=1 1024w, https:\/\/i0.wp.com\/itayachtscanada.com\/wp-content\/uploads\/2025\/06\/Capture-decran-le-2025-06-19-a-13.22.55.jpg?resize=768%2C505&amp;ssl=1 768w, https:\/\/i0.wp.com\/itayachtscanada.com\/wp-content\/uploads\/2025\/06\/Capture-decran-le-2025-06-19-a-13.22.55.jpg?resize=700%2C460&amp;ssl=1 700w, https:\/\/i0.wp.com\/itayachtscanada.com\/wp-content\/uploads\/2025\/06\/Capture-decran-le-2025-06-19-a-13.22.55.jpg?resize=609%2C400&amp;ssl=1 609w, https:\/\/i0.wp.com\/itayachtscanada.com\/wp-content\/uploads\/2025\/06\/Capture-decran-le-2025-06-19-a-13.22.55.jpg?w=1400&amp;ssl=1 1400w\" width=\"229\" height=\"151\" loading=\"lazy\" data-original-width=\"229\" data-original-height=\"151\" itemprop=\"http:\/\/schema.org\/image\" title=\"Capture d\u2019e\u0301cran, le 2025-06-19 a\u0300 13.22.55\" alt=\"Capture d\u2019e\u0301cran, le 2025-06-19 a\u0300 13.22.55\" style=\"width: 229px; height: 151px;\" \/> <\/a> <\/div> <\/div> <!-- close group --> <\/div> <!-- close row --> <div class=\"gallery-row\" style=\"width: 700px; height: 231px;\" data-original-width=\"700\" data-original-height=\"231\" > <div class=\"gallery-group images-1\" style=\"width: 350px; height: 231px;\" data-original-width=\"350\" data-original-height=\"231\" > <div class=\"tiled-gallery-item tiled-gallery-item-large\" itemprop=\"associatedMedia\" itemscope itemtype=\"http:\/\/schema.org\/ImageObject\"> <a href=\"https:\/\/itayachtscanada.com\/fr\/listing\/princess-s62-2021-2299000-usd-for-sale\/capture-decran-le-2025-06-19-a-13-22-52\/\" border=\"0\" itemprop=\"url\"> <meta itemprop=\"width\" content=\"346\"> <meta itemprop=\"height\" content=\"227\"> <img decoding=\"async\" class=\"\" data-attachment-id=\"269093\" data-orig-file=\"https:\/\/itayachtscanada.com\/wp-content\/uploads\/2025\/06\/Capture-decran-le-2025-06-19-a-13.22.52.jpg\" data-orig-size=\"1464,962\" data-comments-opened=\"1\" data-image-meta=\"{&quot;aperture&quot;:&quot;0&quot;,&quot;credit&quot;:&quot;&quot;,&quot;camera&quot;:&quot;&quot;,&quot;caption&quot;:&quot;&quot;,&quot;created_timestamp&quot;:&quot;0&quot;,&quot;copyright&quot;:&quot;&quot;,&quot;focal_length&quot;:&quot;0&quot;,&quot;iso&quot;:&quot;0&quot;,&quot;shutter_speed&quot;:&quot;0&quot;,&quot;title&quot;:&quot;&quot;,&quot;orientation&quot;:&quot;0&quot;}\" data-image-title=\"Capture d\u2019e\u0301cran, le 2025-06-19 a\u0300 13.22.52\" data-image-description=\"\" data-medium-file=\"https:\/\/i0.wp.com\/itayachtscanada.com\/wp-content\/uploads\/2025\/06\/Capture-decran-le-2025-06-19-a-13.22.52.jpg?fit=300%2C197&#038;ssl=1\" data-large-file=\"https:\/\/i0.wp.com\/itayachtscanada.com\/wp-content\/uploads\/2025\/06\/Capture-decran-le-2025-06-19-a-13.22.52.jpg?fit=700%2C460&#038;ssl=1\" src=\"https:\/\/i0.wp.com\/itayachtscanada.com\/wp-content\/uploads\/2025\/06\/Capture-decran-le-2025-06-19-a-13.22.52.jpg?w=346&#038;h=227&#038;ssl=1\" srcset=\"https:\/\/i0.wp.com\/itayachtscanada.com\/wp-content\/uploads\/2025\/06\/Capture-decran-le-2025-06-19-a-13.22.52.jpg?w=1464&amp;ssl=1 1464w, https:\/\/i0.wp.com\/itayachtscanada.com\/wp-content\/uploads\/2025\/06\/Capture-decran-le-2025-06-19-a-13.22.52.jpg?resize=300%2C197&amp;ssl=1 300w, https:\/\/i0.wp.com\/itayachtscanada.com\/wp-content\/uploads\/2025\/06\/Capture-decran-le-2025-06-19-a-13.22.52.jpg?resize=1024%2C673&amp;ssl=1 1024w, https:\/\/i0.wp.com\/itayachtscanada.com\/wp-content\/uploads\/2025\/06\/Capture-decran-le-2025-06-19-a-13.22.52.jpg?resize=768%2C505&amp;ssl=1 768w, https:\/\/i0.wp.com\/itayachtscanada.com\/wp-content\/uploads\/2025\/06\/Capture-decran-le-2025-06-19-a-13.22.52.jpg?resize=700%2C460&amp;ssl=1 700w, https:\/\/i0.wp.com\/itayachtscanada.com\/wp-content\/uploads\/2025\/06\/Capture-decran-le-2025-06-19-a-13.22.52.jpg?resize=609%2C400&amp;ssl=1 609w, https:\/\/i0.wp.com\/itayachtscanada.com\/wp-content\/uploads\/2025\/06\/Capture-decran-le-2025-06-19-a-13.22.52.jpg?w=1400&amp;ssl=1 1400w\" width=\"346\" height=\"227\" loading=\"lazy\" data-original-width=\"346\" data-original-height=\"227\" itemprop=\"http:\/\/schema.org\/image\" title=\"Capture d\u2019e\u0301cran, le 2025-06-19 a\u0300 13.22.52\" alt=\"Capture d\u2019e\u0301cran, le 2025-06-19 a\u0300 13.22.52\" style=\"width: 346px; height: 227px;\" \/> <\/a> <\/div> <\/div> <!-- close group --> <div class=\"gallery-group images-1\" style=\"width: 350px; height: 231px;\" data-original-width=\"350\" data-original-height=\"231\" > <div class=\"tiled-gallery-item tiled-gallery-item-large\" itemprop=\"associatedMedia\" itemscope itemtype=\"http:\/\/schema.org\/ImageObject\"> <a href=\"https:\/\/itayachtscanada.com\/fr\/listing\/princess-s62-2021-2299000-usd-for-sale\/capture-decran-le-2025-06-19-a-13-22-44\/\" border=\"0\" itemprop=\"url\"> <meta itemprop=\"width\" content=\"346\"> <meta itemprop=\"height\" content=\"227\"> <img decoding=\"async\" class=\"\" data-attachment-id=\"269094\" data-orig-file=\"https:\/\/itayachtscanada.com\/wp-content\/uploads\/2025\/06\/Capture-decran-le-2025-06-19-a-13.22.44.jpg\" data-orig-size=\"1464,962\" data-comments-opened=\"1\" data-image-meta=\"{&quot;aperture&quot;:&quot;0&quot;,&quot;credit&quot;:&quot;&quot;,&quot;camera&quot;:&quot;&quot;,&quot;caption&quot;:&quot;&quot;,&quot;created_timestamp&quot;:&quot;0&quot;,&quot;copyright&quot;:&quot;&quot;,&quot;focal_length&quot;:&quot;0&quot;,&quot;iso&quot;:&quot;0&quot;,&quot;shutter_speed&quot;:&quot;0&quot;,&quot;title&quot;:&quot;&quot;,&quot;orientation&quot;:&quot;0&quot;}\" data-image-title=\"Capture d\u2019e\u0301cran, le 2025-06-19 a\u0300 13.22.44\" data-image-description=\"\" data-medium-file=\"https:\/\/i0.wp.com\/itayachtscanada.com\/wp-content\/uploads\/2025\/06\/Capture-decran-le-2025-06-19-a-13.22.44.jpg?fit=300%2C197&#038;ssl=1\" data-large-file=\"https:\/\/i0.wp.com\/itayachtscanada.com\/wp-content\/uploads\/2025\/06\/Capture-decran-le-2025-06-19-a-13.22.44.jpg?fit=700%2C460&#038;ssl=1\" src=\"https:\/\/i0.wp.com\/itayachtscanada.com\/wp-content\/uploads\/2025\/06\/Capture-decran-le-2025-06-19-a-13.22.44.jpg?w=346&#038;h=227&#038;ssl=1\" srcset=\"https:\/\/i0.wp.com\/itayachtscanada.com\/wp-content\/uploads\/2025\/06\/Capture-decran-le-2025-06-19-a-13.22.44.jpg?w=1464&amp;ssl=1 1464w, https:\/\/i0.wp.com\/itayachtscanada.com\/wp-content\/uploads\/2025\/06\/Capture-decran-le-2025-06-19-a-13.22.44.jpg?resize=300%2C197&amp;ssl=1 300w, https:\/\/i0.wp.com\/itayachtscanada.com\/wp-content\/uploads\/2025\/06\/Capture-decran-le-2025-06-19-a-13.22.44.jpg?resize=1024%2C673&amp;ssl=1 1024w, https:\/\/i0.wp.com\/itayachtscanada.com\/wp-content\/uploads\/2025\/06\/Capture-decran-le-2025-06-19-a-13.22.44.jpg?resize=768%2C505&amp;ssl=1 768w, https:\/\/i0.wp.com\/itayachtscanada.com\/wp-content\/uploads\/2025\/06\/Capture-decran-le-2025-06-19-a-13.22.44.jpg?resize=700%2C460&amp;ssl=1 700w, https:\/\/i0.wp.com\/itayachtscanada.com\/wp-content\/uploads\/2025\/06\/Capture-decran-le-2025-06-19-a-13.22.44.jpg?resize=609%2C400&amp;ssl=1 609w, https:\/\/i0.wp.com\/itayachtscanada.com\/wp-content\/uploads\/2025\/06\/Capture-decran-le-2025-06-19-a-13.22.44.jpg?w=1400&amp;ssl=1 1400w\" width=\"346\" height=\"227\" loading=\"lazy\" data-original-width=\"346\" data-original-height=\"227\" itemprop=\"http:\/\/schema.org\/image\" title=\"Capture d\u2019e\u0301cran, le 2025-06-19 a\u0300 13.22.44\" alt=\"Capture d\u2019e\u0301cran, le 2025-06-19 a\u0300 13.22.44\" style=\"width: 346px; height: 227px;\" \/> <\/a> <\/div> <\/div> <!-- close group --> <\/div> <!-- close row --> <div class=\"gallery-row\" style=\"width: 700px; height: 346px;\" data-original-width=\"700\" data-original-height=\"346\" > <div class=\"gallery-group images-1\" style=\"width: 700px; height: 346px;\" data-original-width=\"700\" data-original-height=\"346\" > <div class=\"tiled-gallery-item tiled-gallery-item-large\" itemprop=\"associatedMedia\" itemscope itemtype=\"http:\/\/schema.org\/ImageObject\"> <a href=\"https:\/\/itayachtscanada.com\/fr\/listing\/princess-s62-2021-2299000-usd-for-sale\/capture-decran-le-2025-06-19-a-13-22-35\/\" border=\"0\" itemprop=\"url\"> <meta itemprop=\"width\" content=\"696\"> <meta itemprop=\"height\" content=\"342\"> <img decoding=\"async\" class=\"\" data-attachment-id=\"269095\" data-orig-file=\"https:\/\/itayachtscanada.com\/wp-content\/uploads\/2025\/06\/Capture-decran-le-2025-06-19-a-13.22.35.jpg\" data-orig-size=\"1958,962\" data-comments-opened=\"1\" data-image-meta=\"{&quot;aperture&quot;:&quot;0&quot;,&quot;credit&quot;:&quot;&quot;,&quot;camera&quot;:&quot;&quot;,&quot;caption&quot;:&quot;&quot;,&quot;created_timestamp&quot;:&quot;0&quot;,&quot;copyright&quot;:&quot;&quot;,&quot;focal_length&quot;:&quot;0&quot;,&quot;iso&quot;:&quot;0&quot;,&quot;shutter_speed&quot;:&quot;0&quot;,&quot;title&quot;:&quot;&quot;,&quot;orientation&quot;:&quot;0&quot;}\" data-image-title=\"Capture d\u2019e\u0301cran, le 2025-06-19 a\u0300 13.22.35\" data-image-description=\"\" data-medium-file=\"https:\/\/i0.wp.com\/itayachtscanada.com\/wp-content\/uploads\/2025\/06\/Capture-decran-le-2025-06-19-a-13.22.35.jpg?fit=300%2C147&#038;ssl=1\" data-large-file=\"https:\/\/i0.wp.com\/itayachtscanada.com\/wp-content\/uploads\/2025\/06\/Capture-decran-le-2025-06-19-a-13.22.35.jpg?fit=700%2C344&#038;ssl=1\" src=\"https:\/\/i0.wp.com\/itayachtscanada.com\/wp-content\/uploads\/2025\/06\/Capture-decran-le-2025-06-19-a-13.22.35.jpg?w=696&#038;h=342&#038;ssl=1\" srcset=\"https:\/\/i0.wp.com\/itayachtscanada.com\/wp-content\/uploads\/2025\/06\/Capture-decran-le-2025-06-19-a-13.22.35.jpg?w=1958&amp;ssl=1 1958w, https:\/\/i0.wp.com\/itayachtscanada.com\/wp-content\/uploads\/2025\/06\/Capture-decran-le-2025-06-19-a-13.22.35.jpg?resize=300%2C147&amp;ssl=1 300w, https:\/\/i0.wp.com\/itayachtscanada.com\/wp-content\/uploads\/2025\/06\/Capture-decran-le-2025-06-19-a-13.22.35.jpg?resize=1024%2C503&amp;ssl=1 1024w, https:\/\/i0.wp.com\/itayachtscanada.com\/wp-content\/uploads\/2025\/06\/Capture-decran-le-2025-06-19-a-13.22.35.jpg?resize=768%2C377&amp;ssl=1 768w, https:\/\/i0.wp.com\/itayachtscanada.com\/wp-content\/uploads\/2025\/06\/Capture-decran-le-2025-06-19-a-13.22.35.jpg?resize=1536%2C755&amp;ssl=1 1536w, https:\/\/i0.wp.com\/itayachtscanada.com\/wp-content\/uploads\/2025\/06\/Capture-decran-le-2025-06-19-a-13.22.35.jpg?resize=700%2C344&amp;ssl=1 700w, https:\/\/i0.wp.com\/itayachtscanada.com\/wp-content\/uploads\/2025\/06\/Capture-decran-le-2025-06-19-a-13.22.35.jpg?resize=814%2C400&amp;ssl=1 814w, https:\/\/i0.wp.com\/itayachtscanada.com\/wp-content\/uploads\/2025\/06\/Capture-decran-le-2025-06-19-a-13.22.35.jpg?w=1400&amp;ssl=1 1400w\" width=\"696\" height=\"342\" loading=\"lazy\" data-original-width=\"696\" data-original-height=\"342\" itemprop=\"http:\/\/schema.org\/image\" title=\"Capture d\u2019e\u0301cran, le 2025-06-19 a\u0300 13.22.35\" alt=\"Capture d\u2019e\u0301cran, le 2025-06-19 a\u0300 13.22.35\" style=\"width: 696px; height: 342px;\" \/> <\/a> <\/div> <\/div> <!-- close group --> <\/div> <!-- close row --> <div class=\"gallery-row\" style=\"width: 700px; height: 198px;\" data-original-width=\"700\" data-original-height=\"198\" > <div class=\"gallery-group images-1\" style=\"width: 301px; height: 198px;\" data-original-width=\"301\" data-original-height=\"198\" > <div class=\"tiled-gallery-item tiled-gallery-item-large\" itemprop=\"associatedMedia\" itemscope itemtype=\"http:\/\/schema.org\/ImageObject\"> <a href=\"https:\/\/itayachtscanada.com\/fr\/listing\/princess-s62-2021-2299000-usd-for-sale\/capture-decran-le-2025-06-19-a-13-22-26\/\" border=\"0\" itemprop=\"url\"> <meta itemprop=\"width\" content=\"297\"> <meta itemprop=\"height\" content=\"194\"> <img decoding=\"async\" class=\"\" data-attachment-id=\"269096\" data-orig-file=\"https:\/\/itayachtscanada.com\/wp-content\/uploads\/2025\/06\/Capture-decran-le-2025-06-19-a-13.22.26.jpg\" data-orig-size=\"1470,962\" data-comments-opened=\"1\" data-image-meta=\"{&quot;aperture&quot;:&quot;0&quot;,&quot;credit&quot;:&quot;&quot;,&quot;camera&quot;:&quot;&quot;,&quot;caption&quot;:&quot;&quot;,&quot;created_timestamp&quot;:&quot;0&quot;,&quot;copyright&quot;:&quot;&quot;,&quot;focal_length&quot;:&quot;0&quot;,&quot;iso&quot;:&quot;0&quot;,&quot;shutter_speed&quot;:&quot;0&quot;,&quot;title&quot;:&quot;&quot;,&quot;orientation&quot;:&quot;0&quot;}\" data-image-title=\"Capture d\u2019e\u0301cran, le 2025-06-19 a\u0300 13.22.26\" data-image-description=\"\" data-medium-file=\"https:\/\/i0.wp.com\/itayachtscanada.com\/wp-content\/uploads\/2025\/06\/Capture-decran-le-2025-06-19-a-13.22.26.jpg?fit=300%2C196&#038;ssl=1\" data-large-file=\"https:\/\/i0.wp.com\/itayachtscanada.com\/wp-content\/uploads\/2025\/06\/Capture-decran-le-2025-06-19-a-13.22.26.jpg?fit=700%2C458&#038;ssl=1\" src=\"https:\/\/i0.wp.com\/itayachtscanada.com\/wp-content\/uploads\/2025\/06\/Capture-decran-le-2025-06-19-a-13.22.26.jpg?w=297&#038;h=194&#038;ssl=1\" srcset=\"https:\/\/i0.wp.com\/itayachtscanada.com\/wp-content\/uploads\/2025\/06\/Capture-decran-le-2025-06-19-a-13.22.26.jpg?w=1470&amp;ssl=1 1470w, https:\/\/i0.wp.com\/itayachtscanada.com\/wp-content\/uploads\/2025\/06\/Capture-decran-le-2025-06-19-a-13.22.26.jpg?resize=300%2C196&amp;ssl=1 300w, https:\/\/i0.wp.com\/itayachtscanada.com\/wp-content\/uploads\/2025\/06\/Capture-decran-le-2025-06-19-a-13.22.26.jpg?resize=1024%2C670&amp;ssl=1 1024w, https:\/\/i0.wp.com\/itayachtscanada.com\/wp-content\/uploads\/2025\/06\/Capture-decran-le-2025-06-19-a-13.22.26.jpg?resize=768%2C503&amp;ssl=1 768w, https:\/\/i0.wp.com\/itayachtscanada.com\/wp-content\/uploads\/2025\/06\/Capture-decran-le-2025-06-19-a-13.22.26.jpg?resize=700%2C458&amp;ssl=1 700w, https:\/\/i0.wp.com\/itayachtscanada.com\/wp-content\/uploads\/2025\/06\/Capture-decran-le-2025-06-19-a-13.22.26.jpg?resize=611%2C400&amp;ssl=1 611w, https:\/\/i0.wp.com\/itayachtscanada.com\/wp-content\/uploads\/2025\/06\/Capture-decran-le-2025-06-19-a-13.22.26.jpg?w=1400&amp;ssl=1 1400w\" width=\"297\" height=\"194\" loading=\"lazy\" data-original-width=\"297\" data-original-height=\"194\" itemprop=\"http:\/\/schema.org\/image\" title=\"Capture d\u2019e\u0301cran, le 2025-06-19 a\u0300 13.22.26\" alt=\"Capture d\u2019e\u0301cran, le 2025-06-19 a\u0300 13.22.26\" style=\"width: 297px; height: 194px;\" \/> <\/a> <\/div> <\/div> <!-- close group --> <div class=\"gallery-group images-1\" style=\"width: 399px; height: 198px;\" data-original-width=\"399\" data-original-height=\"198\" > <div class=\"tiled-gallery-item tiled-gallery-item-large\" itemprop=\"associatedMedia\" itemscope itemtype=\"http:\/\/schema.org\/ImageObject\"> <a href=\"https:\/\/itayachtscanada.com\/fr\/listing\/princess-s62-2021-2299000-usd-for-sale\/capture-decran-le-2025-06-19-a-13-22-17\/\" border=\"0\" itemprop=\"url\"> <meta itemprop=\"width\" content=\"395\"> <meta itemprop=\"height\" content=\"194\"> <img decoding=\"async\" class=\"\" data-attachment-id=\"269097\" data-orig-file=\"https:\/\/itayachtscanada.com\/wp-content\/uploads\/2025\/06\/Capture-decran-le-2025-06-19-a-13.22.17.jpg\" data-orig-size=\"1954,962\" data-comments-opened=\"1\" data-image-meta=\"{&quot;aperture&quot;:&quot;0&quot;,&quot;credit&quot;:&quot;&quot;,&quot;camera&quot;:&quot;&quot;,&quot;caption&quot;:&quot;&quot;,&quot;created_timestamp&quot;:&quot;0&quot;,&quot;copyright&quot;:&quot;&quot;,&quot;focal_length&quot;:&quot;0&quot;,&quot;iso&quot;:&quot;0&quot;,&quot;shutter_speed&quot;:&quot;0&quot;,&quot;title&quot;:&quot;&quot;,&quot;orientation&quot;:&quot;0&quot;}\" data-image-title=\"Capture d\u2019e\u0301cran, le 2025-06-19 a\u0300 13.22.17\" data-image-description=\"\" data-medium-file=\"https:\/\/i0.wp.com\/itayachtscanada.com\/wp-content\/uploads\/2025\/06\/Capture-decran-le-2025-06-19-a-13.22.17.jpg?fit=300%2C148&#038;ssl=1\" data-large-file=\"https:\/\/i0.wp.com\/itayachtscanada.com\/wp-content\/uploads\/2025\/06\/Capture-decran-le-2025-06-19-a-13.22.17.jpg?fit=700%2C345&#038;ssl=1\" src=\"https:\/\/i0.wp.com\/itayachtscanada.com\/wp-content\/uploads\/2025\/06\/Capture-decran-le-2025-06-19-a-13.22.17.jpg?w=395&#038;h=194&#038;ssl=1\" srcset=\"https:\/\/i0.wp.com\/itayachtscanada.com\/wp-content\/uploads\/2025\/06\/Capture-decran-le-2025-06-19-a-13.22.17.jpg?w=1954&amp;ssl=1 1954w, https:\/\/i0.wp.com\/itayachtscanada.com\/wp-content\/uploads\/2025\/06\/Capture-decran-le-2025-06-19-a-13.22.17.jpg?resize=300%2C148&amp;ssl=1 300w, https:\/\/i0.wp.com\/itayachtscanada.com\/wp-content\/uploads\/2025\/06\/Capture-decran-le-2025-06-19-a-13.22.17.jpg?resize=1024%2C504&amp;ssl=1 1024w, https:\/\/i0.wp.com\/itayachtscanada.com\/wp-content\/uploads\/2025\/06\/Capture-decran-le-2025-06-19-a-13.22.17.jpg?resize=768%2C378&amp;ssl=1 768w, https:\/\/i0.wp.com\/itayachtscanada.com\/wp-content\/uploads\/2025\/06\/Capture-decran-le-2025-06-19-a-13.22.17.jpg?resize=1536%2C756&amp;ssl=1 1536w, https:\/\/i0.wp.com\/itayachtscanada.com\/wp-content\/uploads\/2025\/06\/Capture-decran-le-2025-06-19-a-13.22.17.jpg?resize=700%2C345&amp;ssl=1 700w, https:\/\/i0.wp.com\/itayachtscanada.com\/wp-content\/uploads\/2025\/06\/Capture-decran-le-2025-06-19-a-13.22.17.jpg?resize=812%2C400&amp;ssl=1 812w, https:\/\/i0.wp.com\/itayachtscanada.com\/wp-content\/uploads\/2025\/06\/Capture-decran-le-2025-06-19-a-13.22.17.jpg?w=1400&amp;ssl=1 1400w\" width=\"395\" height=\"194\" loading=\"lazy\" data-original-width=\"395\" data-original-height=\"194\" itemprop=\"http:\/\/schema.org\/image\" title=\"Capture d\u2019e\u0301cran, le 2025-06-19 a\u0300 13.22.17\" alt=\"Capture d\u2019e\u0301cran, le 2025-06-19 a\u0300 13.22.17\" style=\"width: 395px; height: 194px;\" \/> <\/a> <\/div> <\/div> <!-- close group --> <\/div> <!-- close row --> <div class=\"gallery-row\" style=\"width: 700px; height: 309px;\" data-original-width=\"700\" data-original-height=\"309\" > <div class=\"gallery-group images-1\" style=\"width: 467px; height: 309px;\" data-original-width=\"467\" data-original-height=\"309\" > <div class=\"tiled-gallery-item tiled-gallery-item-large\" itemprop=\"associatedMedia\" itemscope itemtype=\"http:\/\/schema.org\/ImageObject\"> <a href=\"https:\/\/itayachtscanada.com\/fr\/listing\/princess-s62-2021-2299000-usd-for-sale\/capture-decran-le-2025-06-19-a-13-22-14\/\" border=\"0\" itemprop=\"url\"> <meta itemprop=\"width\" content=\"463\"> <meta itemprop=\"height\" content=\"305\"> <img decoding=\"async\" class=\"\" data-attachment-id=\"269098\" data-orig-file=\"https:\/\/itayachtscanada.com\/wp-content\/uploads\/2025\/06\/Capture-decran-le-2025-06-19-a-13.22.14.jpg\" data-orig-size=\"1462,962\" data-comments-opened=\"1\" data-image-meta=\"{&quot;aperture&quot;:&quot;0&quot;,&quot;credit&quot;:&quot;&quot;,&quot;camera&quot;:&quot;&quot;,&quot;caption&quot;:&quot;&quot;,&quot;created_timestamp&quot;:&quot;0&quot;,&quot;copyright&quot;:&quot;&quot;,&quot;focal_length&quot;:&quot;0&quot;,&quot;iso&quot;:&quot;0&quot;,&quot;shutter_speed&quot;:&quot;0&quot;,&quot;title&quot;:&quot;&quot;,&quot;orientation&quot;:&quot;0&quot;}\" data-image-title=\"Capture d\u2019e\u0301cran, le 2025-06-19 a\u0300 13.22.14\" data-image-description=\"\" data-medium-file=\"https:\/\/i0.wp.com\/itayachtscanada.com\/wp-content\/uploads\/2025\/06\/Capture-decran-le-2025-06-19-a-13.22.14.jpg?fit=300%2C197&#038;ssl=1\" data-large-file=\"https:\/\/i0.wp.com\/itayachtscanada.com\/wp-content\/uploads\/2025\/06\/Capture-decran-le-2025-06-19-a-13.22.14.jpg?fit=700%2C461&#038;ssl=1\" src=\"https:\/\/i0.wp.com\/itayachtscanada.com\/wp-content\/uploads\/2025\/06\/Capture-decran-le-2025-06-19-a-13.22.14.jpg?w=463&#038;h=305&#038;ssl=1\" srcset=\"https:\/\/i0.wp.com\/itayachtscanada.com\/wp-content\/uploads\/2025\/06\/Capture-decran-le-2025-06-19-a-13.22.14.jpg?w=1462&amp;ssl=1 1462w, https:\/\/i0.wp.com\/itayachtscanada.com\/wp-content\/uploads\/2025\/06\/Capture-decran-le-2025-06-19-a-13.22.14.jpg?resize=300%2C197&amp;ssl=1 300w, https:\/\/i0.wp.com\/itayachtscanada.com\/wp-content\/uploads\/2025\/06\/Capture-decran-le-2025-06-19-a-13.22.14.jpg?resize=1024%2C674&amp;ssl=1 1024w, https:\/\/i0.wp.com\/itayachtscanada.com\/wp-content\/uploads\/2025\/06\/Capture-decran-le-2025-06-19-a-13.22.14.jpg?resize=768%2C505&amp;ssl=1 768w, https:\/\/i0.wp.com\/itayachtscanada.com\/wp-content\/uploads\/2025\/06\/Capture-decran-le-2025-06-19-a-13.22.14.jpg?resize=700%2C461&amp;ssl=1 700w, https:\/\/i0.wp.com\/itayachtscanada.com\/wp-content\/uploads\/2025\/06\/Capture-decran-le-2025-06-19-a-13.22.14.jpg?resize=608%2C400&amp;ssl=1 608w, https:\/\/i0.wp.com\/itayachtscanada.com\/wp-content\/uploads\/2025\/06\/Capture-decran-le-2025-06-19-a-13.22.14.jpg?w=1400&amp;ssl=1 1400w\" width=\"463\" height=\"305\" loading=\"lazy\" data-original-width=\"463\" data-original-height=\"305\" itemprop=\"http:\/\/schema.org\/image\" title=\"Capture d\u2019e\u0301cran, le 2025-06-19 a\u0300 13.22.14\" alt=\"Capture d\u2019e\u0301cran, le 2025-06-19 a\u0300 13.22.14\" style=\"width: 463px; height: 305px;\" \/> <\/a> <\/div> <\/div> <!-- close group --> <div class=\"gallery-group images-2\" style=\"width: 233px; height: 309px;\" data-original-width=\"233\" data-original-height=\"309\" > <div class=\"tiled-gallery-item tiled-gallery-item-small\" itemprop=\"associatedMedia\" itemscope itemtype=\"http:\/\/schema.org\/ImageObject\"> <a href=\"https:\/\/itayachtscanada.com\/fr\/listing\/princess-s62-2021-2299000-usd-for-sale\/capture-decran-le-2025-06-19-a-13-22-11\/\" border=\"0\" itemprop=\"url\"> <meta itemprop=\"width\" content=\"229\"> <meta itemprop=\"height\" content=\"151\"> <img decoding=\"async\" class=\"\" data-attachment-id=\"269099\" data-orig-file=\"https:\/\/itayachtscanada.com\/wp-content\/uploads\/2025\/06\/Capture-decran-le-2025-06-19-a-13.22.11.jpg\" data-orig-size=\"1462,962\" data-comments-opened=\"1\" data-image-meta=\"{&quot;aperture&quot;:&quot;0&quot;,&quot;credit&quot;:&quot;&quot;,&quot;camera&quot;:&quot;&quot;,&quot;caption&quot;:&quot;&quot;,&quot;created_timestamp&quot;:&quot;0&quot;,&quot;copyright&quot;:&quot;&quot;,&quot;focal_length&quot;:&quot;0&quot;,&quot;iso&quot;:&quot;0&quot;,&quot;shutter_speed&quot;:&quot;0&quot;,&quot;title&quot;:&quot;&quot;,&quot;orientation&quot;:&quot;0&quot;}\" data-image-title=\"Capture d\u2019e\u0301cran, le 2025-06-19 a\u0300 13.22.11\" data-image-description=\"\" data-medium-file=\"https:\/\/i0.wp.com\/itayachtscanada.com\/wp-content\/uploads\/2025\/06\/Capture-decran-le-2025-06-19-a-13.22.11.jpg?fit=300%2C197&#038;ssl=1\" data-large-file=\"https:\/\/i0.wp.com\/itayachtscanada.com\/wp-content\/uploads\/2025\/06\/Capture-decran-le-2025-06-19-a-13.22.11.jpg?fit=700%2C461&#038;ssl=1\" src=\"https:\/\/i0.wp.com\/itayachtscanada.com\/wp-content\/uploads\/2025\/06\/Capture-decran-le-2025-06-19-a-13.22.11.jpg?w=229&#038;h=151&#038;ssl=1\" srcset=\"https:\/\/i0.wp.com\/itayachtscanada.com\/wp-content\/uploads\/2025\/06\/Capture-decran-le-2025-06-19-a-13.22.11.jpg?w=1462&amp;ssl=1 1462w, https:\/\/i0.wp.com\/itayachtscanada.com\/wp-content\/uploads\/2025\/06\/Capture-decran-le-2025-06-19-a-13.22.11.jpg?resize=300%2C197&amp;ssl=1 300w, https:\/\/i0.wp.com\/itayachtscanada.com\/wp-content\/uploads\/2025\/06\/Capture-decran-le-2025-06-19-a-13.22.11.jpg?resize=1024%2C674&amp;ssl=1 1024w, https:\/\/i0.wp.com\/itayachtscanada.com\/wp-content\/uploads\/2025\/06\/Capture-decran-le-2025-06-19-a-13.22.11.jpg?resize=768%2C505&amp;ssl=1 768w, https:\/\/i0.wp.com\/itayachtscanada.com\/wp-content\/uploads\/2025\/06\/Capture-decran-le-2025-06-19-a-13.22.11.jpg?resize=700%2C461&amp;ssl=1 700w, https:\/\/i0.wp.com\/itayachtscanada.com\/wp-content\/uploads\/2025\/06\/Capture-decran-le-2025-06-19-a-13.22.11.jpg?resize=608%2C400&amp;ssl=1 608w, https:\/\/i0.wp.com\/itayachtscanada.com\/wp-content\/uploads\/2025\/06\/Capture-decran-le-2025-06-19-a-13.22.11.jpg?w=1400&amp;ssl=1 1400w\" width=\"229\" height=\"151\" loading=\"lazy\" data-original-width=\"229\" data-original-height=\"151\" itemprop=\"http:\/\/schema.org\/image\" title=\"Capture d\u2019e\u0301cran, le 2025-06-19 a\u0300 13.22.11\" alt=\"Capture d\u2019e\u0301cran, le 2025-06-19 a\u0300 13.22.11\" style=\"width: 229px; height: 151px;\" \/> <\/a> <\/div> <div class=\"tiled-gallery-item tiled-gallery-item-small\" itemprop=\"associatedMedia\" itemscope itemtype=\"http:\/\/schema.org\/ImageObject\"> <a href=\"https:\/\/itayachtscanada.com\/fr\/listing\/princess-s62-2021-2299000-usd-for-sale\/capture-decran-le-2025-06-19-a-13-22-08\/\" border=\"0\" itemprop=\"url\"> <meta itemprop=\"width\" content=\"229\"> <meta itemprop=\"height\" content=\"150\"> <img decoding=\"async\" class=\"\" data-attachment-id=\"269100\" data-orig-file=\"https:\/\/itayachtscanada.com\/wp-content\/uploads\/2025\/06\/Capture-decran-le-2025-06-19-a-13.22.08.jpg\" data-orig-size=\"1462,962\" data-comments-opened=\"1\" data-image-meta=\"{&quot;aperture&quot;:&quot;0&quot;,&quot;credit&quot;:&quot;&quot;,&quot;camera&quot;:&quot;&quot;,&quot;caption&quot;:&quot;&quot;,&quot;created_timestamp&quot;:&quot;0&quot;,&quot;copyright&quot;:&quot;&quot;,&quot;focal_length&quot;:&quot;0&quot;,&quot;iso&quot;:&quot;0&quot;,&quot;shutter_speed&quot;:&quot;0&quot;,&quot;title&quot;:&quot;&quot;,&quot;orientation&quot;:&quot;0&quot;}\" data-image-title=\"Capture d\u2019e\u0301cran, le 2025-06-19 a\u0300 13.22.08\" data-image-description=\"\" data-medium-file=\"https:\/\/i0.wp.com\/itayachtscanada.com\/wp-content\/uploads\/2025\/06\/Capture-decran-le-2025-06-19-a-13.22.08.jpg?fit=300%2C197&#038;ssl=1\" data-large-file=\"https:\/\/i0.wp.com\/itayachtscanada.com\/wp-content\/uploads\/2025\/06\/Capture-decran-le-2025-06-19-a-13.22.08.jpg?fit=700%2C461&#038;ssl=1\" src=\"https:\/\/i0.wp.com\/itayachtscanada.com\/wp-content\/uploads\/2025\/06\/Capture-decran-le-2025-06-19-a-13.22.08.jpg?w=229&#038;h=150&#038;ssl=1\" srcset=\"https:\/\/i0.wp.com\/itayachtscanada.com\/wp-content\/uploads\/2025\/06\/Capture-decran-le-2025-06-19-a-13.22.08.jpg?w=1462&amp;ssl=1 1462w, https:\/\/i0.wp.com\/itayachtscanada.com\/wp-content\/uploads\/2025\/06\/Capture-decran-le-2025-06-19-a-13.22.08.jpg?resize=300%2C197&amp;ssl=1 300w, https:\/\/i0.wp.com\/itayachtscanada.com\/wp-content\/uploads\/2025\/06\/Capture-decran-le-2025-06-19-a-13.22.08.jpg?resize=1024%2C674&amp;ssl=1 1024w, https:\/\/i0.wp.com\/itayachtscanada.com\/wp-content\/uploads\/2025\/06\/Capture-decran-le-2025-06-19-a-13.22.08.jpg?resize=768%2C505&amp;ssl=1 768w, https:\/\/i0.wp.com\/itayachtscanada.com\/wp-content\/uploads\/2025\/06\/Capture-decran-le-2025-06-19-a-13.22.08.jpg?resize=700%2C461&amp;ssl=1 700w, https:\/\/i0.wp.com\/itayachtscanada.com\/wp-content\/uploads\/2025\/06\/Capture-decran-le-2025-06-19-a-13.22.08.jpg?resize=608%2C400&amp;ssl=1 608w, https:\/\/i0.wp.com\/itayachtscanada.com\/wp-content\/uploads\/2025\/06\/Capture-decran-le-2025-06-19-a-13.22.08.jpg?w=1400&amp;ssl=1 1400w\" width=\"229\" height=\"150\" loading=\"lazy\" data-original-width=\"229\" data-original-height=\"150\" itemprop=\"http:\/\/schema.org\/image\" title=\"Capture d\u2019e\u0301cran, le 2025-06-19 a\u0300 13.22.08\" alt=\"Capture d\u2019e\u0301cran, le 2025-06-19 a\u0300 13.22.08\" style=\"width: 229px; height: 150px;\" \/> <\/a> <\/div> <\/div> <!-- close group --> <\/div> <!-- close row --> <div class=\"gallery-row\" style=\"width: 700px; height: 155px;\" data-original-width=\"700\" data-original-height=\"155\" > <div class=\"gallery-group images-1\" style=\"width: 234px; height: 155px;\" data-original-width=\"234\" data-original-height=\"155\" > <div class=\"tiled-gallery-item tiled-gallery-item-small\" itemprop=\"associatedMedia\" itemscope itemtype=\"http:\/\/schema.org\/ImageObject\"> <a href=\"https:\/\/itayachtscanada.com\/fr\/listing\/princess-s62-2021-2299000-usd-for-sale\/capture-decran-le-2025-06-19-a-13-22-05\/\" border=\"0\" itemprop=\"url\"> <meta itemprop=\"width\" content=\"230\"> <meta itemprop=\"height\" content=\"151\"> <img decoding=\"async\" class=\"\" data-attachment-id=\"269101\" data-orig-file=\"https:\/\/itayachtscanada.com\/wp-content\/uploads\/2025\/06\/Capture-decran-le-2025-06-19-a-13.22.05.jpg\" data-orig-size=\"1462,962\" data-comments-opened=\"1\" data-image-meta=\"{&quot;aperture&quot;:&quot;0&quot;,&quot;credit&quot;:&quot;&quot;,&quot;camera&quot;:&quot;&quot;,&quot;caption&quot;:&quot;&quot;,&quot;created_timestamp&quot;:&quot;0&quot;,&quot;copyright&quot;:&quot;&quot;,&quot;focal_length&quot;:&quot;0&quot;,&quot;iso&quot;:&quot;0&quot;,&quot;shutter_speed&quot;:&quot;0&quot;,&quot;title&quot;:&quot;&quot;,&quot;orientation&quot;:&quot;0&quot;}\" data-image-title=\"Capture d\u2019e\u0301cran, le 2025-06-19 a\u0300 13.22.05\" data-image-description=\"\" data-medium-file=\"https:\/\/i0.wp.com\/itayachtscanada.com\/wp-content\/uploads\/2025\/06\/Capture-decran-le-2025-06-19-a-13.22.05.jpg?fit=300%2C197&#038;ssl=1\" data-large-file=\"https:\/\/i0.wp.com\/itayachtscanada.com\/wp-content\/uploads\/2025\/06\/Capture-decran-le-2025-06-19-a-13.22.05.jpg?fit=700%2C461&#038;ssl=1\" src=\"https:\/\/i0.wp.com\/itayachtscanada.com\/wp-content\/uploads\/2025\/06\/Capture-decran-le-2025-06-19-a-13.22.05.jpg?w=230&#038;h=151&#038;ssl=1\" srcset=\"https:\/\/i0.wp.com\/itayachtscanada.com\/wp-content\/uploads\/2025\/06\/Capture-decran-le-2025-06-19-a-13.22.05.jpg?w=1462&amp;ssl=1 1462w, https:\/\/i0.wp.com\/itayachtscanada.com\/wp-content\/uploads\/2025\/06\/Capture-decran-le-2025-06-19-a-13.22.05.jpg?resize=300%2C197&amp;ssl=1 300w, https:\/\/i0.wp.com\/itayachtscanada.com\/wp-content\/uploads\/2025\/06\/Capture-decran-le-2025-06-19-a-13.22.05.jpg?resize=1024%2C674&amp;ssl=1 1024w, https:\/\/i0.wp.com\/itayachtscanada.com\/wp-content\/uploads\/2025\/06\/Capture-decran-le-2025-06-19-a-13.22.05.jpg?resize=768%2C505&amp;ssl=1 768w, https:\/\/i0.wp.com\/itayachtscanada.com\/wp-content\/uploads\/2025\/06\/Capture-decran-le-2025-06-19-a-13.22.05.jpg?resize=700%2C461&amp;ssl=1 700w, https:\/\/i0.wp.com\/itayachtscanada.com\/wp-content\/uploads\/2025\/06\/Capture-decran-le-2025-06-19-a-13.22.05.jpg?resize=608%2C400&amp;ssl=1 608w, https:\/\/i0.wp.com\/itayachtscanada.com\/wp-content\/uploads\/2025\/06\/Capture-decran-le-2025-06-19-a-13.22.05.jpg?w=1400&amp;ssl=1 1400w\" width=\"230\" height=\"151\" loading=\"lazy\" data-original-width=\"230\" data-original-height=\"151\" itemprop=\"http:\/\/schema.org\/image\" title=\"Capture d\u2019e\u0301cran, le 2025-06-19 a\u0300 13.22.05\" alt=\"Capture d\u2019e\u0301cran, le 2025-06-19 a\u0300 13.22.05\" style=\"width: 230px; height: 151px;\" \/> <\/a> <\/div> <\/div> <!-- close group --> <div class=\"gallery-group images-1\" style=\"width: 233px; height: 155px;\" data-original-width=\"233\" data-original-height=\"155\" > <div class=\"tiled-gallery-item tiled-gallery-item-small\" itemprop=\"associatedMedia\" itemscope itemtype=\"http:\/\/schema.org\/ImageObject\"> <a href=\"https:\/\/itayachtscanada.com\/fr\/listing\/princess-s62-2021-2299000-usd-for-sale\/capture-decran-le-2025-06-19-a-13-22-01\/\" border=\"0\" itemprop=\"url\"> <meta itemprop=\"width\" content=\"229\"> <meta itemprop=\"height\" content=\"151\"> <img decoding=\"async\" class=\"\" data-attachment-id=\"269102\" data-orig-file=\"https:\/\/itayachtscanada.com\/wp-content\/uploads\/2025\/06\/Capture-decran-le-2025-06-19-a-13.22.01.jpg\" data-orig-size=\"1462,962\" data-comments-opened=\"1\" data-image-meta=\"{&quot;aperture&quot;:&quot;0&quot;,&quot;credit&quot;:&quot;&quot;,&quot;camera&quot;:&quot;&quot;,&quot;caption&quot;:&quot;&quot;,&quot;created_timestamp&quot;:&quot;0&quot;,&quot;copyright&quot;:&quot;&quot;,&quot;focal_length&quot;:&quot;0&quot;,&quot;iso&quot;:&quot;0&quot;,&quot;shutter_speed&quot;:&quot;0&quot;,&quot;title&quot;:&quot;&quot;,&quot;orientation&quot;:&quot;0&quot;}\" data-image-title=\"Capture d\u2019e\u0301cran, le 2025-06-19 a\u0300 13.22.01\" data-image-description=\"\" data-medium-file=\"https:\/\/i0.wp.com\/itayachtscanada.com\/wp-content\/uploads\/2025\/06\/Capture-decran-le-2025-06-19-a-13.22.01.jpg?fit=300%2C197&#038;ssl=1\" data-large-file=\"https:\/\/i0.wp.com\/itayachtscanada.com\/wp-content\/uploads\/2025\/06\/Capture-decran-le-2025-06-19-a-13.22.01.jpg?fit=700%2C461&#038;ssl=1\" src=\"https:\/\/i0.wp.com\/itayachtscanada.com\/wp-content\/uploads\/2025\/06\/Capture-decran-le-2025-06-19-a-13.22.01.jpg?w=229&#038;h=151&#038;ssl=1\" srcset=\"https:\/\/i0.wp.com\/itayachtscanada.com\/wp-content\/uploads\/2025\/06\/Capture-decran-le-2025-06-19-a-13.22.01.jpg?w=1462&amp;ssl=1 1462w, https:\/\/i0.wp.com\/itayachtscanada.com\/wp-content\/uploads\/2025\/06\/Capture-decran-le-2025-06-19-a-13.22.01.jpg?resize=300%2C197&amp;ssl=1 300w, https:\/\/i0.wp.com\/itayachtscanada.com\/wp-content\/uploads\/2025\/06\/Capture-decran-le-2025-06-19-a-13.22.01.jpg?resize=1024%2C674&amp;ssl=1 1024w, https:\/\/i0.wp.com\/itayachtscanada.com\/wp-content\/uploads\/2025\/06\/Capture-decran-le-2025-06-19-a-13.22.01.jpg?resize=768%2C505&amp;ssl=1 768w, https:\/\/i0.wp.com\/itayachtscanada.com\/wp-content\/uploads\/2025\/06\/Capture-decran-le-2025-06-19-a-13.22.01.jpg?resize=700%2C461&amp;ssl=1 700w, https:\/\/i0.wp.com\/itayachtscanada.com\/wp-content\/uploads\/2025\/06\/Capture-decran-le-2025-06-19-a-13.22.01.jpg?resize=608%2C400&amp;ssl=1 608w, https:\/\/i0.wp.com\/itayachtscanada.com\/wp-content\/uploads\/2025\/06\/Capture-decran-le-2025-06-19-a-13.22.01.jpg?w=1400&amp;ssl=1 1400w\" width=\"229\" height=\"151\" loading=\"lazy\" data-original-width=\"229\" data-original-height=\"151\" itemprop=\"http:\/\/schema.org\/image\" title=\"Capture d\u2019e\u0301cran, le 2025-06-19 a\u0300 13.22.01\" alt=\"Capture d\u2019e\u0301cran, le 2025-06-19 a\u0300 13.22.01\" style=\"width: 229px; height: 151px;\" \/> <\/a> <\/div> <\/div> <!-- close group --> <div class=\"gallery-group images-1\" style=\"width: 233px; height: 155px;\" data-original-width=\"233\" data-original-height=\"155\" > <div class=\"tiled-gallery-item tiled-gallery-item-small\" itemprop=\"associatedMedia\" itemscope itemtype=\"http:\/\/schema.org\/ImageObject\"> <a href=\"https:\/\/itayachtscanada.com\/fr\/listing\/princess-s62-2021-2299000-usd-for-sale\/capture-decran-le-2025-06-19-a-13-21-58\/\" border=\"0\" itemprop=\"url\"> <meta itemprop=\"width\" content=\"229\"> <meta itemprop=\"height\" content=\"151\"> <img decoding=\"async\" class=\"\" data-attachment-id=\"269103\" data-orig-file=\"https:\/\/itayachtscanada.com\/wp-content\/uploads\/2025\/06\/Capture-decran-le-2025-06-19-a-13.21.58.jpg\" data-orig-size=\"1462,962\" data-comments-opened=\"1\" data-image-meta=\"{&quot;aperture&quot;:&quot;0&quot;,&quot;credit&quot;:&quot;&quot;,&quot;camera&quot;:&quot;&quot;,&quot;caption&quot;:&quot;&quot;,&quot;created_timestamp&quot;:&quot;0&quot;,&quot;copyright&quot;:&quot;&quot;,&quot;focal_length&quot;:&quot;0&quot;,&quot;iso&quot;:&quot;0&quot;,&quot;shutter_speed&quot;:&quot;0&quot;,&quot;title&quot;:&quot;&quot;,&quot;orientation&quot;:&quot;0&quot;}\" data-image-title=\"Capture d\u2019e\u0301cran, le 2025-06-19 a\u0300 13.21.58\" data-image-description=\"\" data-medium-file=\"https:\/\/i0.wp.com\/itayachtscanada.com\/wp-content\/uploads\/2025\/06\/Capture-decran-le-2025-06-19-a-13.21.58.jpg?fit=300%2C197&#038;ssl=1\" data-large-file=\"https:\/\/i0.wp.com\/itayachtscanada.com\/wp-content\/uploads\/2025\/06\/Capture-decran-le-2025-06-19-a-13.21.58.jpg?fit=700%2C461&#038;ssl=1\" src=\"https:\/\/i0.wp.com\/itayachtscanada.com\/wp-content\/uploads\/2025\/06\/Capture-decran-le-2025-06-19-a-13.21.58.jpg?w=229&#038;h=151&#038;ssl=1\" srcset=\"https:\/\/i0.wp.com\/itayachtscanada.com\/wp-content\/uploads\/2025\/06\/Capture-decran-le-2025-06-19-a-13.21.58.jpg?w=1462&amp;ssl=1 1462w, https:\/\/i0.wp.com\/itayachtscanada.com\/wp-content\/uploads\/2025\/06\/Capture-decran-le-2025-06-19-a-13.21.58.jpg?resize=300%2C197&amp;ssl=1 300w, https:\/\/i0.wp.com\/itayachtscanada.com\/wp-content\/uploads\/2025\/06\/Capture-decran-le-2025-06-19-a-13.21.58.jpg?resize=1024%2C674&amp;ssl=1 1024w, https:\/\/i0.wp.com\/itayachtscanada.com\/wp-content\/uploads\/2025\/06\/Capture-decran-le-2025-06-19-a-13.21.58.jpg?resize=768%2C505&amp;ssl=1 768w, https:\/\/i0.wp.com\/itayachtscanada.com\/wp-content\/uploads\/2025\/06\/Capture-decran-le-2025-06-19-a-13.21.58.jpg?resize=700%2C461&amp;ssl=1 700w, https:\/\/i0.wp.com\/itayachtscanada.com\/wp-content\/uploads\/2025\/06\/Capture-decran-le-2025-06-19-a-13.21.58.jpg?resize=608%2C400&amp;ssl=1 608w, https:\/\/i0.wp.com\/itayachtscanada.com\/wp-content\/uploads\/2025\/06\/Capture-decran-le-2025-06-19-a-13.21.58.jpg?w=1400&amp;ssl=1 1400w\" width=\"229\" height=\"151\" loading=\"lazy\" data-original-width=\"229\" data-original-height=\"151\" itemprop=\"http:\/\/schema.org\/image\" title=\"Capture d\u2019e\u0301cran, le 2025-06-19 a\u0300 13.21.58\" alt=\"Capture d\u2019e\u0301cran, le 2025-06-19 a\u0300 13.21.58\" style=\"width: 229px; height: 151px;\" \/> <\/a> <\/div> <\/div> <!-- close group --> <\/div> <!-- close row --> <div class=\"gallery-row\" style=\"width: 700px; height: 309px;\" data-original-width=\"700\" data-original-height=\"309\" > <div class=\"gallery-group images-2\" style=\"width: 233px; height: 309px;\" data-original-width=\"233\" data-original-height=\"309\" > <div class=\"tiled-gallery-item tiled-gallery-item-small\" itemprop=\"associatedMedia\" itemscope itemtype=\"http:\/\/schema.org\/ImageObject\"> <a href=\"https:\/\/itayachtscanada.com\/fr\/listing\/princess-s62-2021-2299000-usd-for-sale\/capture-decran-le-2025-06-19-a-13-21-55\/\" border=\"0\" itemprop=\"url\"> <meta itemprop=\"width\" content=\"229\"> <meta itemprop=\"height\" content=\"151\"> <img decoding=\"async\" class=\"\" data-attachment-id=\"269104\" data-orig-file=\"https:\/\/itayachtscanada.com\/wp-content\/uploads\/2025\/06\/Capture-decran-le-2025-06-19-a-13.21.55.jpg\" data-orig-size=\"1462,962\" data-comments-opened=\"1\" data-image-meta=\"{&quot;aperture&quot;:&quot;0&quot;,&quot;credit&quot;:&quot;&quot;,&quot;camera&quot;:&quot;&quot;,&quot;caption&quot;:&quot;&quot;,&quot;created_timestamp&quot;:&quot;0&quot;,&quot;copyright&quot;:&quot;&quot;,&quot;focal_length&quot;:&quot;0&quot;,&quot;iso&quot;:&quot;0&quot;,&quot;shutter_speed&quot;:&quot;0&quot;,&quot;title&quot;:&quot;&quot;,&quot;orientation&quot;:&quot;0&quot;}\" data-image-title=\"Capture d\u2019e\u0301cran, le 2025-06-19 a\u0300 13.21.55\" data-image-description=\"\" data-medium-file=\"https:\/\/i0.wp.com\/itayachtscanada.com\/wp-content\/uploads\/2025\/06\/Capture-decran-le-2025-06-19-a-13.21.55.jpg?fit=300%2C197&#038;ssl=1\" data-large-file=\"https:\/\/i0.wp.com\/itayachtscanada.com\/wp-content\/uploads\/2025\/06\/Capture-decran-le-2025-06-19-a-13.21.55.jpg?fit=700%2C461&#038;ssl=1\" src=\"https:\/\/i0.wp.com\/itayachtscanada.com\/wp-content\/uploads\/2025\/06\/Capture-decran-le-2025-06-19-a-13.21.55.jpg?w=229&#038;h=151&#038;ssl=1\" srcset=\"https:\/\/i0.wp.com\/itayachtscanada.com\/wp-content\/uploads\/2025\/06\/Capture-decran-le-2025-06-19-a-13.21.55.jpg?w=1462&amp;ssl=1 1462w, https:\/\/i0.wp.com\/itayachtscanada.com\/wp-content\/uploads\/2025\/06\/Capture-decran-le-2025-06-19-a-13.21.55.jpg?resize=300%2C197&amp;ssl=1 300w, https:\/\/i0.wp.com\/itayachtscanada.com\/wp-content\/uploads\/2025\/06\/Capture-decran-le-2025-06-19-a-13.21.55.jpg?resize=1024%2C674&amp;ssl=1 1024w, https:\/\/i0.wp.com\/itayachtscanada.com\/wp-content\/uploads\/2025\/06\/Capture-decran-le-2025-06-19-a-13.21.55.jpg?resize=768%2C505&amp;ssl=1 768w, https:\/\/i0.wp.com\/itayachtscanada.com\/wp-content\/uploads\/2025\/06\/Capture-decran-le-2025-06-19-a-13.21.55.jpg?resize=700%2C461&amp;ssl=1 700w, https:\/\/i0.wp.com\/itayachtscanada.com\/wp-content\/uploads\/2025\/06\/Capture-decran-le-2025-06-19-a-13.21.55.jpg?resize=608%2C400&amp;ssl=1 608w, https:\/\/i0.wp.com\/itayachtscanada.com\/wp-content\/uploads\/2025\/06\/Capture-decran-le-2025-06-19-a-13.21.55.jpg?w=1400&amp;ssl=1 1400w\" width=\"229\" height=\"151\" loading=\"lazy\" data-original-width=\"229\" data-original-height=\"151\" itemprop=\"http:\/\/schema.org\/image\" title=\"Capture d\u2019e\u0301cran, le 2025-06-19 a\u0300 13.21.55\" alt=\"Capture d\u2019e\u0301cran, le 2025-06-19 a\u0300 13.21.55\" style=\"width: 229px; height: 151px;\" \/> <\/a> <\/div> <div class=\"tiled-gallery-item tiled-gallery-item-small\" itemprop=\"associatedMedia\" itemscope itemtype=\"http:\/\/schema.org\/ImageObject\"> <a href=\"https:\/\/itayachtscanada.com\/fr\/listing\/princess-s62-2021-2299000-usd-for-sale\/capture-decran-le-2025-06-19-a-13-21-52\/\" border=\"0\" itemprop=\"url\"> <meta itemprop=\"width\" content=\"229\"> <meta itemprop=\"height\" content=\"150\"> <img decoding=\"async\" class=\"\" data-attachment-id=\"269105\" data-orig-file=\"https:\/\/itayachtscanada.com\/wp-content\/uploads\/2025\/06\/Capture-decran-le-2025-06-19-a-13.21.52.jpg\" data-orig-size=\"1462,962\" data-comments-opened=\"1\" data-image-meta=\"{&quot;aperture&quot;:&quot;0&quot;,&quot;credit&quot;:&quot;&quot;,&quot;camera&quot;:&quot;&quot;,&quot;caption&quot;:&quot;&quot;,&quot;created_timestamp&quot;:&quot;0&quot;,&quot;copyright&quot;:&quot;&quot;,&quot;focal_length&quot;:&quot;0&quot;,&quot;iso&quot;:&quot;0&quot;,&quot;shutter_speed&quot;:&quot;0&quot;,&quot;title&quot;:&quot;&quot;,&quot;orientation&quot;:&quot;0&quot;}\" data-image-title=\"Capture d\u2019e\u0301cran, le 2025-06-19 a\u0300 13.21.52\" data-image-description=\"\" data-medium-file=\"https:\/\/i0.wp.com\/itayachtscanada.com\/wp-content\/uploads\/2025\/06\/Capture-decran-le-2025-06-19-a-13.21.52.jpg?fit=300%2C197&#038;ssl=1\" data-large-file=\"https:\/\/i0.wp.com\/itayachtscanada.com\/wp-content\/uploads\/2025\/06\/Capture-decran-le-2025-06-19-a-13.21.52.jpg?fit=700%2C461&#038;ssl=1\" src=\"https:\/\/i0.wp.com\/itayachtscanada.com\/wp-content\/uploads\/2025\/06\/Capture-decran-le-2025-06-19-a-13.21.52.jpg?w=229&#038;h=150&#038;ssl=1\" srcset=\"https:\/\/i0.wp.com\/itayachtscanada.com\/wp-content\/uploads\/2025\/06\/Capture-decran-le-2025-06-19-a-13.21.52.jpg?w=1462&amp;ssl=1 1462w, https:\/\/i0.wp.com\/itayachtscanada.com\/wp-content\/uploads\/2025\/06\/Capture-decran-le-2025-06-19-a-13.21.52.jpg?resize=300%2C197&amp;ssl=1 300w, https:\/\/i0.wp.com\/itayachtscanada.com\/wp-content\/uploads\/2025\/06\/Capture-decran-le-2025-06-19-a-13.21.52.jpg?resize=1024%2C674&amp;ssl=1 1024w, https:\/\/i0.wp.com\/itayachtscanada.com\/wp-content\/uploads\/2025\/06\/Capture-decran-le-2025-06-19-a-13.21.52.jpg?resize=768%2C505&amp;ssl=1 768w, https:\/\/i0.wp.com\/itayachtscanada.com\/wp-content\/uploads\/2025\/06\/Capture-decran-le-2025-06-19-a-13.21.52.jpg?resize=700%2C461&amp;ssl=1 700w, https:\/\/i0.wp.com\/itayachtscanada.com\/wp-content\/uploads\/2025\/06\/Capture-decran-le-2025-06-19-a-13.21.52.jpg?resize=608%2C400&amp;ssl=1 608w, https:\/\/i0.wp.com\/itayachtscanada.com\/wp-content\/uploads\/2025\/06\/Capture-decran-le-2025-06-19-a-13.21.52.jpg?w=1400&amp;ssl=1 1400w\" width=\"229\" height=\"150\" loading=\"lazy\" data-original-width=\"229\" data-original-height=\"150\" itemprop=\"http:\/\/schema.org\/image\" title=\"Capture d\u2019e\u0301cran, le 2025-06-19 a\u0300 13.21.52\" alt=\"Capture d\u2019e\u0301cran, le 2025-06-19 a\u0300 13.21.52\" style=\"width: 229px; height: 150px;\" \/> <\/a> <\/div> <\/div> <!-- close group --> <div class=\"gallery-group images-1\" style=\"width: 467px; height: 309px;\" data-original-width=\"467\" data-original-height=\"309\" > <div class=\"tiled-gallery-item tiled-gallery-item-large\" itemprop=\"associatedMedia\" itemscope itemtype=\"http:\/\/schema.org\/ImageObject\"> <a href=\"https:\/\/itayachtscanada.com\/fr\/listing\/princess-s62-2021-2299000-usd-for-sale\/capture-decran-le-2025-06-19-a-13-21-48\/\" border=\"0\" itemprop=\"url\"> <meta itemprop=\"width\" content=\"463\"> <meta itemprop=\"height\" content=\"305\"> <img decoding=\"async\" class=\"\" data-attachment-id=\"269106\" data-orig-file=\"https:\/\/itayachtscanada.com\/wp-content\/uploads\/2025\/06\/Capture-decran-le-2025-06-19-a-13.21.48.jpg\" data-orig-size=\"1462,962\" data-comments-opened=\"1\" data-image-meta=\"{&quot;aperture&quot;:&quot;0&quot;,&quot;credit&quot;:&quot;&quot;,&quot;camera&quot;:&quot;&quot;,&quot;caption&quot;:&quot;&quot;,&quot;created_timestamp&quot;:&quot;0&quot;,&quot;copyright&quot;:&quot;&quot;,&quot;focal_length&quot;:&quot;0&quot;,&quot;iso&quot;:&quot;0&quot;,&quot;shutter_speed&quot;:&quot;0&quot;,&quot;title&quot;:&quot;&quot;,&quot;orientation&quot;:&quot;0&quot;}\" data-image-title=\"Capture d\u2019e\u0301cran, le 2025-06-19 a\u0300 13.21.48\" data-image-description=\"\" data-medium-file=\"https:\/\/i0.wp.com\/itayachtscanada.com\/wp-content\/uploads\/2025\/06\/Capture-decran-le-2025-06-19-a-13.21.48.jpg?fit=300%2C197&#038;ssl=1\" data-large-file=\"https:\/\/i0.wp.com\/itayachtscanada.com\/wp-content\/uploads\/2025\/06\/Capture-decran-le-2025-06-19-a-13.21.48.jpg?fit=700%2C461&#038;ssl=1\" src=\"https:\/\/i0.wp.com\/itayachtscanada.com\/wp-content\/uploads\/2025\/06\/Capture-decran-le-2025-06-19-a-13.21.48.jpg?w=463&#038;h=305&#038;ssl=1\" srcset=\"https:\/\/i0.wp.com\/itayachtscanada.com\/wp-content\/uploads\/2025\/06\/Capture-decran-le-2025-06-19-a-13.21.48.jpg?w=1462&amp;ssl=1 1462w, https:\/\/i0.wp.com\/itayachtscanada.com\/wp-content\/uploads\/2025\/06\/Capture-decran-le-2025-06-19-a-13.21.48.jpg?resize=300%2C197&amp;ssl=1 300w, https:\/\/i0.wp.com\/itayachtscanada.com\/wp-content\/uploads\/2025\/06\/Capture-decran-le-2025-06-19-a-13.21.48.jpg?resize=1024%2C674&amp;ssl=1 1024w, https:\/\/i0.wp.com\/itayachtscanada.com\/wp-content\/uploads\/2025\/06\/Capture-decran-le-2025-06-19-a-13.21.48.jpg?resize=768%2C505&amp;ssl=1 768w, https:\/\/i0.wp.com\/itayachtscanada.com\/wp-content\/uploads\/2025\/06\/Capture-decran-le-2025-06-19-a-13.21.48.jpg?resize=700%2C461&amp;ssl=1 700w, https:\/\/i0.wp.com\/itayachtscanada.com\/wp-content\/uploads\/2025\/06\/Capture-decran-le-2025-06-19-a-13.21.48.jpg?resize=608%2C400&amp;ssl=1 608w, https:\/\/i0.wp.com\/itayachtscanada.com\/wp-content\/uploads\/2025\/06\/Capture-decran-le-2025-06-19-a-13.21.48.jpg?w=1400&amp;ssl=1 1400w\" width=\"463\" height=\"305\" loading=\"lazy\" data-original-width=\"463\" data-original-height=\"305\" itemprop=\"http:\/\/schema.org\/image\" title=\"Capture d\u2019e\u0301cran, le 2025-06-19 a\u0300 13.21.48\" alt=\"Capture d\u2019e\u0301cran, le 2025-06-19 a\u0300 13.21.48\" style=\"width: 463px; height: 305px;\" \/> <\/a> <\/div> <\/div> <!-- close group --> <\/div> <!-- close row --> <div class=\"gallery-row\" style=\"width: 700px; height: 232px;\" data-original-width=\"700\" data-original-height=\"232\" > <div class=\"gallery-group images-1\" style=\"width: 350px; height: 232px;\" data-original-width=\"350\" data-original-height=\"232\" > <div class=\"tiled-gallery-item tiled-gallery-item-large\" itemprop=\"associatedMedia\" itemscope itemtype=\"http:\/\/schema.org\/ImageObject\"> <a href=\"https:\/\/itayachtscanada.com\/fr\/listing\/princess-s62-2021-2299000-usd-for-sale\/capture-decran-le-2025-06-19-a-13-21-45\/\" border=\"0\" itemprop=\"url\"> <meta itemprop=\"width\" content=\"346\"> <meta itemprop=\"height\" content=\"228\"> <img decoding=\"async\" class=\"\" data-attachment-id=\"269107\" data-orig-file=\"https:\/\/itayachtscanada.com\/wp-content\/uploads\/2025\/06\/Capture-decran-le-2025-06-19-a-13.21.45.jpg\" data-orig-size=\"1462,962\" data-comments-opened=\"1\" data-image-meta=\"{&quot;aperture&quot;:&quot;0&quot;,&quot;credit&quot;:&quot;&quot;,&quot;camera&quot;:&quot;&quot;,&quot;caption&quot;:&quot;&quot;,&quot;created_timestamp&quot;:&quot;0&quot;,&quot;copyright&quot;:&quot;&quot;,&quot;focal_length&quot;:&quot;0&quot;,&quot;iso&quot;:&quot;0&quot;,&quot;shutter_speed&quot;:&quot;0&quot;,&quot;title&quot;:&quot;&quot;,&quot;orientation&quot;:&quot;0&quot;}\" data-image-title=\"Capture d\u2019e\u0301cran, le 2025-06-19 a\u0300 13.21.45\" data-image-description=\"\" data-medium-file=\"https:\/\/i0.wp.com\/itayachtscanada.com\/wp-content\/uploads\/2025\/06\/Capture-decran-le-2025-06-19-a-13.21.45.jpg?fit=300%2C197&#038;ssl=1\" data-large-file=\"https:\/\/i0.wp.com\/itayachtscanada.com\/wp-content\/uploads\/2025\/06\/Capture-decran-le-2025-06-19-a-13.21.45.jpg?fit=700%2C461&#038;ssl=1\" src=\"https:\/\/i0.wp.com\/itayachtscanada.com\/wp-content\/uploads\/2025\/06\/Capture-decran-le-2025-06-19-a-13.21.45.jpg?w=346&#038;h=228&#038;ssl=1\" srcset=\"https:\/\/i0.wp.com\/itayachtscanada.com\/wp-content\/uploads\/2025\/06\/Capture-decran-le-2025-06-19-a-13.21.45.jpg?w=1462&amp;ssl=1 1462w, https:\/\/i0.wp.com\/itayachtscanada.com\/wp-content\/uploads\/2025\/06\/Capture-decran-le-2025-06-19-a-13.21.45.jpg?resize=300%2C197&amp;ssl=1 300w, https:\/\/i0.wp.com\/itayachtscanada.com\/wp-content\/uploads\/2025\/06\/Capture-decran-le-2025-06-19-a-13.21.45.jpg?resize=1024%2C674&amp;ssl=1 1024w, https:\/\/i0.wp.com\/itayachtscanada.com\/wp-content\/uploads\/2025\/06\/Capture-decran-le-2025-06-19-a-13.21.45.jpg?resize=768%2C505&amp;ssl=1 768w, https:\/\/i0.wp.com\/itayachtscanada.com\/wp-content\/uploads\/2025\/06\/Capture-decran-le-2025-06-19-a-13.21.45.jpg?resize=700%2C461&amp;ssl=1 700w, https:\/\/i0.wp.com\/itayachtscanada.com\/wp-content\/uploads\/2025\/06\/Capture-decran-le-2025-06-19-a-13.21.45.jpg?resize=608%2C400&amp;ssl=1 608w, https:\/\/i0.wp.com\/itayachtscanada.com\/wp-content\/uploads\/2025\/06\/Capture-decran-le-2025-06-19-a-13.21.45.jpg?w=1400&amp;ssl=1 1400w\" width=\"346\" height=\"228\" loading=\"lazy\" data-original-width=\"346\" data-original-height=\"228\" itemprop=\"http:\/\/schema.org\/image\" title=\"Capture d\u2019e\u0301cran, le 2025-06-19 a\u0300 13.21.45\" alt=\"Capture d\u2019e\u0301cran, le 2025-06-19 a\u0300 13.21.45\" style=\"width: 346px; height: 228px;\" \/> <\/a> <\/div> <\/div> <!-- close group --> <div class=\"gallery-group images-1\" style=\"width: 350px; height: 232px;\" data-original-width=\"350\" data-original-height=\"232\" > <div class=\"tiled-gallery-item tiled-gallery-item-large\" itemprop=\"associatedMedia\" itemscope itemtype=\"http:\/\/schema.org\/ImageObject\"> <a href=\"https:\/\/itayachtscanada.com\/fr\/listing\/princess-s62-2021-2299000-usd-for-sale\/capture-decran-le-2025-06-19-a-13-21-43\/\" border=\"0\" itemprop=\"url\"> <meta itemprop=\"width\" content=\"346\"> <meta itemprop=\"height\" content=\"228\"> <img decoding=\"async\" class=\"\" data-attachment-id=\"269108\" data-orig-file=\"https:\/\/itayachtscanada.com\/wp-content\/uploads\/2025\/06\/Capture-decran-le-2025-06-19-a-13.21.43.jpg\" data-orig-size=\"1462,962\" data-comments-opened=\"1\" data-image-meta=\"{&quot;aperture&quot;:&quot;0&quot;,&quot;credit&quot;:&quot;&quot;,&quot;camera&quot;:&quot;&quot;,&quot;caption&quot;:&quot;&quot;,&quot;created_timestamp&quot;:&quot;0&quot;,&quot;copyright&quot;:&quot;&quot;,&quot;focal_length&quot;:&quot;0&quot;,&quot;iso&quot;:&quot;0&quot;,&quot;shutter_speed&quot;:&quot;0&quot;,&quot;title&quot;:&quot;&quot;,&quot;orientation&quot;:&quot;0&quot;}\" data-image-title=\"Capture d\u2019e\u0301cran, le 2025-06-19 a\u0300 13.21.43\" data-image-description=\"\" data-medium-file=\"https:\/\/i0.wp.com\/itayachtscanada.com\/wp-content\/uploads\/2025\/06\/Capture-decran-le-2025-06-19-a-13.21.43.jpg?fit=300%2C197&#038;ssl=1\" data-large-file=\"https:\/\/i0.wp.com\/itayachtscanada.com\/wp-content\/uploads\/2025\/06\/Capture-decran-le-2025-06-19-a-13.21.43.jpg?fit=700%2C461&#038;ssl=1\" src=\"https:\/\/i0.wp.com\/itayachtscanada.com\/wp-content\/uploads\/2025\/06\/Capture-decran-le-2025-06-19-a-13.21.43.jpg?w=346&#038;h=228&#038;ssl=1\" srcset=\"https:\/\/i0.wp.com\/itayachtscanada.com\/wp-content\/uploads\/2025\/06\/Capture-decran-le-2025-06-19-a-13.21.43.jpg?w=1462&amp;ssl=1 1462w, https:\/\/i0.wp.com\/itayachtscanada.com\/wp-content\/uploads\/2025\/06\/Capture-decran-le-2025-06-19-a-13.21.43.jpg?resize=300%2C197&amp;ssl=1 300w, https:\/\/i0.wp.com\/itayachtscanada.com\/wp-content\/uploads\/2025\/06\/Capture-decran-le-2025-06-19-a-13.21.43.jpg?resize=1024%2C674&amp;ssl=1 1024w, https:\/\/i0.wp.com\/itayachtscanada.com\/wp-content\/uploads\/2025\/06\/Capture-decran-le-2025-06-19-a-13.21.43.jpg?resize=768%2C505&amp;ssl=1 768w, https:\/\/i0.wp.com\/itayachtscanada.com\/wp-content\/uploads\/2025\/06\/Capture-decran-le-2025-06-19-a-13.21.43.jpg?resize=700%2C461&amp;ssl=1 700w, https:\/\/i0.wp.com\/itayachtscanada.com\/wp-content\/uploads\/2025\/06\/Capture-decran-le-2025-06-19-a-13.21.43.jpg?resize=608%2C400&amp;ssl=1 608w, https:\/\/i0.wp.com\/itayachtscanada.com\/wp-content\/uploads\/2025\/06\/Capture-decran-le-2025-06-19-a-13.21.43.jpg?w=1400&amp;ssl=1 1400w\" width=\"346\" height=\"228\" loading=\"lazy\" data-original-width=\"346\" data-original-height=\"228\" itemprop=\"http:\/\/schema.org\/image\" title=\"Capture d\u2019e\u0301cran, le 2025-06-19 a\u0300 13.21.43\" alt=\"Capture d\u2019e\u0301cran, le 2025-06-19 a\u0300 13.21.43\" style=\"width: 346px; height: 228px;\" \/> <\/a> <\/div> <\/div> <!-- close group --> <\/div> <!-- close row --> <div class=\"gallery-row\" style=\"width: 700px; height: 309px;\" data-original-width=\"700\" data-original-height=\"309\" > <div class=\"gallery-group images-1\" style=\"width: 467px; height: 309px;\" data-original-width=\"467\" data-original-height=\"309\" > <div class=\"tiled-gallery-item tiled-gallery-item-large\" itemprop=\"associatedMedia\" itemscope itemtype=\"http:\/\/schema.org\/ImageObject\"> <a href=\"https:\/\/itayachtscanada.com\/fr\/listing\/princess-s62-2021-2299000-usd-for-sale\/capture-decran-le-2025-06-19-a-13-21-40\/\" border=\"0\" itemprop=\"url\"> <meta itemprop=\"width\" content=\"463\"> <meta itemprop=\"height\" content=\"305\"> <img decoding=\"async\" class=\"\" data-attachment-id=\"269109\" data-orig-file=\"https:\/\/itayachtscanada.com\/wp-content\/uploads\/2025\/06\/Capture-decran-le-2025-06-19-a-13.21.40.jpg\" data-orig-size=\"1462,962\" data-comments-opened=\"1\" data-image-meta=\"{&quot;aperture&quot;:&quot;0&quot;,&quot;credit&quot;:&quot;&quot;,&quot;camera&quot;:&quot;&quot;,&quot;caption&quot;:&quot;&quot;,&quot;created_timestamp&quot;:&quot;0&quot;,&quot;copyright&quot;:&quot;&quot;,&quot;focal_length&quot;:&quot;0&quot;,&quot;iso&quot;:&quot;0&quot;,&quot;shutter_speed&quot;:&quot;0&quot;,&quot;title&quot;:&quot;&quot;,&quot;orientation&quot;:&quot;0&quot;}\" data-image-title=\"Capture d\u2019e\u0301cran, le 2025-06-19 a\u0300 13.21.40\" data-image-description=\"\" data-medium-file=\"https:\/\/i0.wp.com\/itayachtscanada.com\/wp-content\/uploads\/2025\/06\/Capture-decran-le-2025-06-19-a-13.21.40.jpg?fit=300%2C197&#038;ssl=1\" data-large-file=\"https:\/\/i0.wp.com\/itayachtscanada.com\/wp-content\/uploads\/2025\/06\/Capture-decran-le-2025-06-19-a-13.21.40.jpg?fit=700%2C461&#038;ssl=1\" src=\"https:\/\/i0.wp.com\/itayachtscanada.com\/wp-content\/uploads\/2025\/06\/Capture-decran-le-2025-06-19-a-13.21.40.jpg?w=463&#038;h=305&#038;ssl=1\" srcset=\"https:\/\/i0.wp.com\/itayachtscanada.com\/wp-content\/uploads\/2025\/06\/Capture-decran-le-2025-06-19-a-13.21.40.jpg?w=1462&amp;ssl=1 1462w, https:\/\/i0.wp.com\/itayachtscanada.com\/wp-content\/uploads\/2025\/06\/Capture-decran-le-2025-06-19-a-13.21.40.jpg?resize=300%2C197&amp;ssl=1 300w, https:\/\/i0.wp.com\/itayachtscanada.com\/wp-content\/uploads\/2025\/06\/Capture-decran-le-2025-06-19-a-13.21.40.jpg?resize=1024%2C674&amp;ssl=1 1024w, https:\/\/i0.wp.com\/itayachtscanada.com\/wp-content\/uploads\/2025\/06\/Capture-decran-le-2025-06-19-a-13.21.40.jpg?resize=768%2C505&amp;ssl=1 768w, https:\/\/i0.wp.com\/itayachtscanada.com\/wp-content\/uploads\/2025\/06\/Capture-decran-le-2025-06-19-a-13.21.40.jpg?resize=700%2C461&amp;ssl=1 700w, https:\/\/i0.wp.com\/itayachtscanada.com\/wp-content\/uploads\/2025\/06\/Capture-decran-le-2025-06-19-a-13.21.40.jpg?resize=608%2C400&amp;ssl=1 608w, https:\/\/i0.wp.com\/itayachtscanada.com\/wp-content\/uploads\/2025\/06\/Capture-decran-le-2025-06-19-a-13.21.40.jpg?w=1400&amp;ssl=1 1400w\" width=\"463\" height=\"305\" loading=\"lazy\" data-original-width=\"463\" data-original-height=\"305\" itemprop=\"http:\/\/schema.org\/image\" title=\"Capture d\u2019e\u0301cran, le 2025-06-19 a\u0300 13.21.40\" alt=\"Capture d\u2019e\u0301cran, le 2025-06-19 a\u0300 13.21.40\" style=\"width: 463px; height: 305px;\" \/> <\/a> <\/div> <\/div> <!-- close group --> <div class=\"gallery-group images-2\" style=\"width: 233px; height: 309px;\" data-original-width=\"233\" data-original-height=\"309\" > <div class=\"tiled-gallery-item tiled-gallery-item-small\" itemprop=\"associatedMedia\" itemscope itemtype=\"http:\/\/schema.org\/ImageObject\"> <a href=\"https:\/\/itayachtscanada.com\/fr\/listing\/princess-s62-2021-2299000-usd-for-sale\/capture-decran-le-2025-06-19-a-13-21-36\/\" border=\"0\" itemprop=\"url\"> <meta itemprop=\"width\" content=\"229\"> <meta itemprop=\"height\" content=\"151\"> <img decoding=\"async\" class=\"\" data-attachment-id=\"269110\" data-orig-file=\"https:\/\/itayachtscanada.com\/wp-content\/uploads\/2025\/06\/Capture-decran-le-2025-06-19-a-13.21.36.jpg\" data-orig-size=\"1462,962\" data-comments-opened=\"1\" data-image-meta=\"{&quot;aperture&quot;:&quot;0&quot;,&quot;credit&quot;:&quot;&quot;,&quot;camera&quot;:&quot;&quot;,&quot;caption&quot;:&quot;&quot;,&quot;created_timestamp&quot;:&quot;0&quot;,&quot;copyright&quot;:&quot;&quot;,&quot;focal_length&quot;:&quot;0&quot;,&quot;iso&quot;:&quot;0&quot;,&quot;shutter_speed&quot;:&quot;0&quot;,&quot;title&quot;:&quot;&quot;,&quot;orientation&quot;:&quot;0&quot;}\" data-image-title=\"Capture d\u2019e\u0301cran, le 2025-06-19 a\u0300 13.21.36\" data-image-description=\"\" data-medium-file=\"https:\/\/i0.wp.com\/itayachtscanada.com\/wp-content\/uploads\/2025\/06\/Capture-decran-le-2025-06-19-a-13.21.36.jpg?fit=300%2C197&#038;ssl=1\" data-large-file=\"https:\/\/i0.wp.com\/itayachtscanada.com\/wp-content\/uploads\/2025\/06\/Capture-decran-le-2025-06-19-a-13.21.36.jpg?fit=700%2C461&#038;ssl=1\" src=\"https:\/\/i0.wp.com\/itayachtscanada.com\/wp-content\/uploads\/2025\/06\/Capture-decran-le-2025-06-19-a-13.21.36.jpg?w=229&#038;h=151&#038;ssl=1\" srcset=\"https:\/\/i0.wp.com\/itayachtscanada.com\/wp-content\/uploads\/2025\/06\/Capture-decran-le-2025-06-19-a-13.21.36.jpg?w=1462&amp;ssl=1 1462w, https:\/\/i0.wp.com\/itayachtscanada.com\/wp-content\/uploads\/2025\/06\/Capture-decran-le-2025-06-19-a-13.21.36.jpg?resize=300%2C197&amp;ssl=1 300w, https:\/\/i0.wp.com\/itayachtscanada.com\/wp-content\/uploads\/2025\/06\/Capture-decran-le-2025-06-19-a-13.21.36.jpg?resize=1024%2C674&amp;ssl=1 1024w, https:\/\/i0.wp.com\/itayachtscanada.com\/wp-content\/uploads\/2025\/06\/Capture-decran-le-2025-06-19-a-13.21.36.jpg?resize=768%2C505&amp;ssl=1 768w, https:\/\/i0.wp.com\/itayachtscanada.com\/wp-content\/uploads\/2025\/06\/Capture-decran-le-2025-06-19-a-13.21.36.jpg?resize=700%2C461&amp;ssl=1 700w, https:\/\/i0.wp.com\/itayachtscanada.com\/wp-content\/uploads\/2025\/06\/Capture-decran-le-2025-06-19-a-13.21.36.jpg?resize=608%2C400&amp;ssl=1 608w, https:\/\/i0.wp.com\/itayachtscanada.com\/wp-content\/uploads\/2025\/06\/Capture-decran-le-2025-06-19-a-13.21.36.jpg?w=1400&amp;ssl=1 1400w\" width=\"229\" height=\"151\" loading=\"lazy\" data-original-width=\"229\" data-original-height=\"151\" itemprop=\"http:\/\/schema.org\/image\" title=\"Capture d\u2019e\u0301cran, le 2025-06-19 a\u0300 13.21.36\" alt=\"Capture d\u2019e\u0301cran, le 2025-06-19 a\u0300 13.21.36\" style=\"width: 229px; height: 151px;\" \/> <\/a> <\/div> <div class=\"tiled-gallery-item tiled-gallery-item-small\" itemprop=\"associatedMedia\" itemscope itemtype=\"http:\/\/schema.org\/ImageObject\"> <a href=\"https:\/\/itayachtscanada.com\/fr\/listing\/princess-s62-2021-2299000-usd-for-sale\/capture-decran-le-2025-06-19-a-13-21-33\/\" border=\"0\" itemprop=\"url\"> <meta itemprop=\"width\" content=\"229\"> <meta itemprop=\"height\" content=\"150\"> <img decoding=\"async\" class=\"\" data-attachment-id=\"269111\" data-orig-file=\"https:\/\/itayachtscanada.com\/wp-content\/uploads\/2025\/06\/Capture-decran-le-2025-06-19-a-13.21.33.jpg\" data-orig-size=\"1462,962\" data-comments-opened=\"1\" data-image-meta=\"{&quot;aperture&quot;:&quot;0&quot;,&quot;credit&quot;:&quot;&quot;,&quot;camera&quot;:&quot;&quot;,&quot;caption&quot;:&quot;&quot;,&quot;created_timestamp&quot;:&quot;0&quot;,&quot;copyright&quot;:&quot;&quot;,&quot;focal_length&quot;:&quot;0&quot;,&quot;iso&quot;:&quot;0&quot;,&quot;shutter_speed&quot;:&quot;0&quot;,&quot;title&quot;:&quot;&quot;,&quot;orientation&quot;:&quot;0&quot;}\" data-image-title=\"Capture d\u2019e\u0301cran, le 2025-06-19 a\u0300 13.21.33\" data-image-description=\"\" data-medium-file=\"https:\/\/i0.wp.com\/itayachtscanada.com\/wp-content\/uploads\/2025\/06\/Capture-decran-le-2025-06-19-a-13.21.33.jpg?fit=300%2C197&#038;ssl=1\" data-large-file=\"https:\/\/i0.wp.com\/itayachtscanada.com\/wp-content\/uploads\/2025\/06\/Capture-decran-le-2025-06-19-a-13.21.33.jpg?fit=700%2C461&#038;ssl=1\" src=\"https:\/\/i0.wp.com\/itayachtscanada.com\/wp-content\/uploads\/2025\/06\/Capture-decran-le-2025-06-19-a-13.21.33.jpg?w=229&#038;h=150&#038;ssl=1\" srcset=\"https:\/\/i0.wp.com\/itayachtscanada.com\/wp-content\/uploads\/2025\/06\/Capture-decran-le-2025-06-19-a-13.21.33.jpg?w=1462&amp;ssl=1 1462w, https:\/\/i0.wp.com\/itayachtscanada.com\/wp-content\/uploads\/2025\/06\/Capture-decran-le-2025-06-19-a-13.21.33.jpg?resize=300%2C197&amp;ssl=1 300w, https:\/\/i0.wp.com\/itayachtscanada.com\/wp-content\/uploads\/2025\/06\/Capture-decran-le-2025-06-19-a-13.21.33.jpg?resize=1024%2C674&amp;ssl=1 1024w, https:\/\/i0.wp.com\/itayachtscanada.com\/wp-content\/uploads\/2025\/06\/Capture-decran-le-2025-06-19-a-13.21.33.jpg?resize=768%2C505&amp;ssl=1 768w, https:\/\/i0.wp.com\/itayachtscanada.com\/wp-content\/uploads\/2025\/06\/Capture-decran-le-2025-06-19-a-13.21.33.jpg?resize=700%2C461&amp;ssl=1 700w, https:\/\/i0.wp.com\/itayachtscanada.com\/wp-content\/uploads\/2025\/06\/Capture-decran-le-2025-06-19-a-13.21.33.jpg?resize=608%2C400&amp;ssl=1 608w, https:\/\/i0.wp.com\/itayachtscanada.com\/wp-content\/uploads\/2025\/06\/Capture-decran-le-2025-06-19-a-13.21.33.jpg?w=1400&amp;ssl=1 1400w\" width=\"229\" height=\"150\" loading=\"lazy\" data-original-width=\"229\" data-original-height=\"150\" itemprop=\"http:\/\/schema.org\/image\" title=\"Capture d\u2019e\u0301cran, le 2025-06-19 a\u0300 13.21.33\" alt=\"Capture d\u2019e\u0301cran, le 2025-06-19 a\u0300 13.21.33\" style=\"width: 229px; height: 150px;\" \/> <\/a> <\/div> <\/div> <!-- close group --> <\/div> <!-- close row --> <div class=\"gallery-row\" style=\"width: 700px; height: 155px;\" data-original-width=\"700\" data-original-height=\"155\" > <div class=\"gallery-group images-1\" style=\"width: 234px; height: 155px;\" data-original-width=\"234\" data-original-height=\"155\" > <div class=\"tiled-gallery-item tiled-gallery-item-small\" itemprop=\"associatedMedia\" itemscope itemtype=\"http:\/\/schema.org\/ImageObject\"> <a href=\"https:\/\/itayachtscanada.com\/fr\/listing\/princess-s62-2021-2299000-usd-for-sale\/capture-decran-le-2025-06-19-a-13-21-30\/\" border=\"0\" itemprop=\"url\"> <meta itemprop=\"width\" content=\"230\"> <meta itemprop=\"height\" content=\"151\"> <img decoding=\"async\" class=\"\" data-attachment-id=\"269112\" data-orig-file=\"https:\/\/itayachtscanada.com\/wp-content\/uploads\/2025\/06\/Capture-decran-le-2025-06-19-a-13.21.30.jpg\" data-orig-size=\"1462,962\" data-comments-opened=\"1\" data-image-meta=\"{&quot;aperture&quot;:&quot;0&quot;,&quot;credit&quot;:&quot;&quot;,&quot;camera&quot;:&quot;&quot;,&quot;caption&quot;:&quot;&quot;,&quot;created_timestamp&quot;:&quot;0&quot;,&quot;copyright&quot;:&quot;&quot;,&quot;focal_length&quot;:&quot;0&quot;,&quot;iso&quot;:&quot;0&quot;,&quot;shutter_speed&quot;:&quot;0&quot;,&quot;title&quot;:&quot;&quot;,&quot;orientation&quot;:&quot;0&quot;}\" data-image-title=\"Capture d\u2019e\u0301cran, le 2025-06-19 a\u0300 13.21.30\" data-image-description=\"\" data-medium-file=\"https:\/\/i0.wp.com\/itayachtscanada.com\/wp-content\/uploads\/2025\/06\/Capture-decran-le-2025-06-19-a-13.21.30.jpg?fit=300%2C197&#038;ssl=1\" data-large-file=\"https:\/\/i0.wp.com\/itayachtscanada.com\/wp-content\/uploads\/2025\/06\/Capture-decran-le-2025-06-19-a-13.21.30.jpg?fit=700%2C461&#038;ssl=1\" src=\"https:\/\/i0.wp.com\/itayachtscanada.com\/wp-content\/uploads\/2025\/06\/Capture-decran-le-2025-06-19-a-13.21.30.jpg?w=230&#038;h=151&#038;ssl=1\" srcset=\"https:\/\/i0.wp.com\/itayachtscanada.com\/wp-content\/uploads\/2025\/06\/Capture-decran-le-2025-06-19-a-13.21.30.jpg?w=1462&amp;ssl=1 1462w, https:\/\/i0.wp.com\/itayachtscanada.com\/wp-content\/uploads\/2025\/06\/Capture-decran-le-2025-06-19-a-13.21.30.jpg?resize=300%2C197&amp;ssl=1 300w, https:\/\/i0.wp.com\/itayachtscanada.com\/wp-content\/uploads\/2025\/06\/Capture-decran-le-2025-06-19-a-13.21.30.jpg?resize=1024%2C674&amp;ssl=1 1024w, https:\/\/i0.wp.com\/itayachtscanada.com\/wp-content\/uploads\/2025\/06\/Capture-decran-le-2025-06-19-a-13.21.30.jpg?resize=768%2C505&amp;ssl=1 768w, https:\/\/i0.wp.com\/itayachtscanada.com\/wp-content\/uploads\/2025\/06\/Capture-decran-le-2025-06-19-a-13.21.30.jpg?resize=700%2C461&amp;ssl=1 700w, https:\/\/i0.wp.com\/itayachtscanada.com\/wp-content\/uploads\/2025\/06\/Capture-decran-le-2025-06-19-a-13.21.30.jpg?resize=608%2C400&amp;ssl=1 608w, https:\/\/i0.wp.com\/itayachtscanada.com\/wp-content\/uploads\/2025\/06\/Capture-decran-le-2025-06-19-a-13.21.30.jpg?w=1400&amp;ssl=1 1400w\" width=\"230\" height=\"151\" loading=\"lazy\" data-original-width=\"230\" data-original-height=\"151\" itemprop=\"http:\/\/schema.org\/image\" title=\"Capture d\u2019e\u0301cran, le 2025-06-19 a\u0300 13.21.30\" alt=\"Capture d\u2019e\u0301cran, le 2025-06-19 a\u0300 13.21.30\" style=\"width: 230px; height: 151px;\" \/> <\/a> <\/div> <\/div> <!-- close group --> <div class=\"gallery-group images-1\" style=\"width: 233px; height: 155px;\" data-original-width=\"233\" data-original-height=\"155\" > <div class=\"tiled-gallery-item tiled-gallery-item-small\" itemprop=\"associatedMedia\" itemscope itemtype=\"http:\/\/schema.org\/ImageObject\"> <a href=\"https:\/\/itayachtscanada.com\/fr\/listing\/princess-s62-2021-2299000-usd-for-sale\/capture-decran-le-2025-06-19-a-13-21-26\/\" border=\"0\" itemprop=\"url\"> <meta itemprop=\"width\" content=\"229\"> <meta itemprop=\"height\" content=\"151\"> <img decoding=\"async\" class=\"\" data-attachment-id=\"269113\" data-orig-file=\"https:\/\/itayachtscanada.com\/wp-content\/uploads\/2025\/06\/Capture-decran-le-2025-06-19-a-13.21.26.jpg\" data-orig-size=\"1462,962\" data-comments-opened=\"1\" data-image-meta=\"{&quot;aperture&quot;:&quot;0&quot;,&quot;credit&quot;:&quot;&quot;,&quot;camera&quot;:&quot;&quot;,&quot;caption&quot;:&quot;&quot;,&quot;created_timestamp&quot;:&quot;0&quot;,&quot;copyright&quot;:&quot;&quot;,&quot;focal_length&quot;:&quot;0&quot;,&quot;iso&quot;:&quot;0&quot;,&quot;shutter_speed&quot;:&quot;0&quot;,&quot;title&quot;:&quot;&quot;,&quot;orientation&quot;:&quot;0&quot;}\" data-image-title=\"Capture d\u2019e\u0301cran, le 2025-06-19 a\u0300 13.21.26\" data-image-description=\"\" data-medium-file=\"https:\/\/i0.wp.com\/itayachtscanada.com\/wp-content\/uploads\/2025\/06\/Capture-decran-le-2025-06-19-a-13.21.26.jpg?fit=300%2C197&#038;ssl=1\" data-large-file=\"https:\/\/i0.wp.com\/itayachtscanada.com\/wp-content\/uploads\/2025\/06\/Capture-decran-le-2025-06-19-a-13.21.26.jpg?fit=700%2C461&#038;ssl=1\" src=\"https:\/\/i0.wp.com\/itayachtscanada.com\/wp-content\/uploads\/2025\/06\/Capture-decran-le-2025-06-19-a-13.21.26.jpg?w=229&#038;h=151&#038;ssl=1\" srcset=\"https:\/\/i0.wp.com\/itayachtscanada.com\/wp-content\/uploads\/2025\/06\/Capture-decran-le-2025-06-19-a-13.21.26.jpg?w=1462&amp;ssl=1 1462w, https:\/\/i0.wp.com\/itayachtscanada.com\/wp-content\/uploads\/2025\/06\/Capture-decran-le-2025-06-19-a-13.21.26.jpg?resize=300%2C197&amp;ssl=1 300w, https:\/\/i0.wp.com\/itayachtscanada.com\/wp-content\/uploads\/2025\/06\/Capture-decran-le-2025-06-19-a-13.21.26.jpg?resize=1024%2C674&amp;ssl=1 1024w, https:\/\/i0.wp.com\/itayachtscanada.com\/wp-content\/uploads\/2025\/06\/Capture-decran-le-2025-06-19-a-13.21.26.jpg?resize=768%2C505&amp;ssl=1 768w, https:\/\/i0.wp.com\/itayachtscanada.com\/wp-content\/uploads\/2025\/06\/Capture-decran-le-2025-06-19-a-13.21.26.jpg?resize=700%2C461&amp;ssl=1 700w, https:\/\/i0.wp.com\/itayachtscanada.com\/wp-content\/uploads\/2025\/06\/Capture-decran-le-2025-06-19-a-13.21.26.jpg?resize=608%2C400&amp;ssl=1 608w, https:\/\/i0.wp.com\/itayachtscanada.com\/wp-content\/uploads\/2025\/06\/Capture-decran-le-2025-06-19-a-13.21.26.jpg?w=1400&amp;ssl=1 1400w\" width=\"229\" height=\"151\" loading=\"lazy\" data-original-width=\"229\" data-original-height=\"151\" itemprop=\"http:\/\/schema.org\/image\" title=\"Capture d\u2019e\u0301cran, le 2025-06-19 a\u0300 13.21.26\" alt=\"Capture d\u2019e\u0301cran, le 2025-06-19 a\u0300 13.21.26\" style=\"width: 229px; height: 151px;\" \/> <\/a> <\/div> <\/div> <!-- close group --> <div class=\"gallery-group images-1\" style=\"width: 233px; height: 155px;\" data-original-width=\"233\" data-original-height=\"155\" > <div class=\"tiled-gallery-item tiled-gallery-item-small\" itemprop=\"associatedMedia\" itemscope itemtype=\"http:\/\/schema.org\/ImageObject\"> <a href=\"https:\/\/itayachtscanada.com\/fr\/listing\/princess-s62-2021-2299000-usd-for-sale\/capture-decran-le-2025-06-19-a-13-21-23\/\" border=\"0\" itemprop=\"url\"> <meta itemprop=\"width\" content=\"229\"> <meta itemprop=\"height\" content=\"151\"> <img decoding=\"async\" class=\"\" data-attachment-id=\"269114\" data-orig-file=\"https:\/\/itayachtscanada.com\/wp-content\/uploads\/2025\/06\/Capture-decran-le-2025-06-19-a-13.21.23.jpg\" data-orig-size=\"1462,962\" data-comments-opened=\"1\" data-image-meta=\"{&quot;aperture&quot;:&quot;0&quot;,&quot;credit&quot;:&quot;&quot;,&quot;camera&quot;:&quot;&quot;,&quot;caption&quot;:&quot;&quot;,&quot;created_timestamp&quot;:&quot;0&quot;,&quot;copyright&quot;:&quot;&quot;,&quot;focal_length&quot;:&quot;0&quot;,&quot;iso&quot;:&quot;0&quot;,&quot;shutter_speed&quot;:&quot;0&quot;,&quot;title&quot;:&quot;&quot;,&quot;orientation&quot;:&quot;0&quot;}\" data-image-title=\"Capture d\u2019e\u0301cran, le 2025-06-19 a\u0300 13.21.23\" data-image-description=\"\" data-medium-file=\"https:\/\/i0.wp.com\/itayachtscanada.com\/wp-content\/uploads\/2025\/06\/Capture-decran-le-2025-06-19-a-13.21.23.jpg?fit=300%2C197&#038;ssl=1\" data-large-file=\"https:\/\/i0.wp.com\/itayachtscanada.com\/wp-content\/uploads\/2025\/06\/Capture-decran-le-2025-06-19-a-13.21.23.jpg?fit=700%2C461&#038;ssl=1\" src=\"https:\/\/i0.wp.com\/itayachtscanada.com\/wp-content\/uploads\/2025\/06\/Capture-decran-le-2025-06-19-a-13.21.23.jpg?w=229&#038;h=151&#038;ssl=1\" srcset=\"https:\/\/i0.wp.com\/itayachtscanada.com\/wp-content\/uploads\/2025\/06\/Capture-decran-le-2025-06-19-a-13.21.23.jpg?w=1462&amp;ssl=1 1462w, https:\/\/i0.wp.com\/itayachtscanada.com\/wp-content\/uploads\/2025\/06\/Capture-decran-le-2025-06-19-a-13.21.23.jpg?resize=300%2C197&amp;ssl=1 300w, https:\/\/i0.wp.com\/itayachtscanada.com\/wp-content\/uploads\/2025\/06\/Capture-decran-le-2025-06-19-a-13.21.23.jpg?resize=1024%2C674&amp;ssl=1 1024w, https:\/\/i0.wp.com\/itayachtscanada.com\/wp-content\/uploads\/2025\/06\/Capture-decran-le-2025-06-19-a-13.21.23.jpg?resize=768%2C505&amp;ssl=1 768w, https:\/\/i0.wp.com\/itayachtscanada.com\/wp-content\/uploads\/2025\/06\/Capture-decran-le-2025-06-19-a-13.21.23.jpg?resize=700%2C461&amp;ssl=1 700w, https:\/\/i0.wp.com\/itayachtscanada.com\/wp-content\/uploads\/2025\/06\/Capture-decran-le-2025-06-19-a-13.21.23.jpg?resize=608%2C400&amp;ssl=1 608w, https:\/\/i0.wp.com\/itayachtscanada.com\/wp-content\/uploads\/2025\/06\/Capture-decran-le-2025-06-19-a-13.21.23.jpg?w=1400&amp;ssl=1 1400w\" width=\"229\" height=\"151\" loading=\"lazy\" data-original-width=\"229\" data-original-height=\"151\" itemprop=\"http:\/\/schema.org\/image\" title=\"Capture d\u2019e\u0301cran, le 2025-06-19 a\u0300 13.21.23\" alt=\"Capture d\u2019e\u0301cran, le 2025-06-19 a\u0300 13.21.23\" style=\"width: 229px; height: 151px;\" \/> <\/a> <\/div> <\/div> <!-- close group --> <\/div> <!-- close row --> <div class=\"gallery-row\" style=\"width: 700px; height: 309px;\" data-original-width=\"700\" data-original-height=\"309\" > <div class=\"gallery-group images-2\" style=\"width: 233px; height: 309px;\" data-original-width=\"233\" data-original-height=\"309\" > <div class=\"tiled-gallery-item tiled-gallery-item-small\" itemprop=\"associatedMedia\" itemscope itemtype=\"http:\/\/schema.org\/ImageObject\"> <a href=\"https:\/\/itayachtscanada.com\/fr\/listing\/princess-s62-2021-2299000-usd-for-sale\/capture-decran-le-2025-06-19-a-13-21-17\/\" border=\"0\" itemprop=\"url\"> <meta itemprop=\"width\" content=\"229\"> <meta itemprop=\"height\" content=\"151\"> <img decoding=\"async\" class=\"\" data-attachment-id=\"269115\" data-orig-file=\"https:\/\/itayachtscanada.com\/wp-content\/uploads\/2025\/06\/Capture-decran-le-2025-06-19-a-13.21.17.jpg\" data-orig-size=\"1462,962\" data-comments-opened=\"1\" data-image-meta=\"{&quot;aperture&quot;:&quot;0&quot;,&quot;credit&quot;:&quot;&quot;,&quot;camera&quot;:&quot;&quot;,&quot;caption&quot;:&quot;&quot;,&quot;created_timestamp&quot;:&quot;0&quot;,&quot;copyright&quot;:&quot;&quot;,&quot;focal_length&quot;:&quot;0&quot;,&quot;iso&quot;:&quot;0&quot;,&quot;shutter_speed&quot;:&quot;0&quot;,&quot;title&quot;:&quot;&quot;,&quot;orientation&quot;:&quot;0&quot;}\" data-image-title=\"Capture d\u2019e\u0301cran, le 2025-06-19 a\u0300 13.21.17\" data-image-description=\"\" data-medium-file=\"https:\/\/i0.wp.com\/itayachtscanada.com\/wp-content\/uploads\/2025\/06\/Capture-decran-le-2025-06-19-a-13.21.17.jpg?fit=300%2C197&#038;ssl=1\" data-large-file=\"https:\/\/i0.wp.com\/itayachtscanada.com\/wp-content\/uploads\/2025\/06\/Capture-decran-le-2025-06-19-a-13.21.17.jpg?fit=700%2C461&#038;ssl=1\" src=\"https:\/\/i0.wp.com\/itayachtscanada.com\/wp-content\/uploads\/2025\/06\/Capture-decran-le-2025-06-19-a-13.21.17.jpg?w=229&#038;h=151&#038;ssl=1\" srcset=\"https:\/\/i0.wp.com\/itayachtscanada.com\/wp-content\/uploads\/2025\/06\/Capture-decran-le-2025-06-19-a-13.21.17.jpg?w=1462&amp;ssl=1 1462w, https:\/\/i0.wp.com\/itayachtscanada.com\/wp-content\/uploads\/2025\/06\/Capture-decran-le-2025-06-19-a-13.21.17.jpg?resize=300%2C197&amp;ssl=1 300w, https:\/\/i0.wp.com\/itayachtscanada.com\/wp-content\/uploads\/2025\/06\/Capture-decran-le-2025-06-19-a-13.21.17.jpg?resize=1024%2C674&amp;ssl=1 1024w, https:\/\/i0.wp.com\/itayachtscanada.com\/wp-content\/uploads\/2025\/06\/Capture-decran-le-2025-06-19-a-13.21.17.jpg?resize=768%2C505&amp;ssl=1 768w, https:\/\/i0.wp.com\/itayachtscanada.com\/wp-content\/uploads\/2025\/06\/Capture-decran-le-2025-06-19-a-13.21.17.jpg?resize=700%2C461&amp;ssl=1 700w, https:\/\/i0.wp.com\/itayachtscanada.com\/wp-content\/uploads\/2025\/06\/Capture-decran-le-2025-06-19-a-13.21.17.jpg?resize=608%2C400&amp;ssl=1 608w, https:\/\/i0.wp.com\/itayachtscanada.com\/wp-content\/uploads\/2025\/06\/Capture-decran-le-2025-06-19-a-13.21.17.jpg?w=1400&amp;ssl=1 1400w\" width=\"229\" height=\"151\" loading=\"lazy\" data-original-width=\"229\" data-original-height=\"151\" itemprop=\"http:\/\/schema.org\/image\" title=\"Capture d\u2019e\u0301cran, le 2025-06-19 a\u0300 13.21.17\" alt=\"Capture d\u2019e\u0301cran, le 2025-06-19 a\u0300 13.21.17\" style=\"width: 229px; height: 151px;\" \/> <\/a> <\/div> <div class=\"tiled-gallery-item tiled-gallery-item-small\" itemprop=\"associatedMedia\" itemscope itemtype=\"http:\/\/schema.org\/ImageObject\"> <a href=\"https:\/\/itayachtscanada.com\/fr\/listing\/princess-s62-2021-2299000-usd-for-sale\/capture-decran-le-2025-06-19-a-13-21-14\/\" border=\"0\" itemprop=\"url\"> <meta itemprop=\"width\" content=\"229\"> <meta itemprop=\"height\" content=\"150\"> <img decoding=\"async\" class=\"\" data-attachment-id=\"269116\" data-orig-file=\"https:\/\/itayachtscanada.com\/wp-content\/uploads\/2025\/06\/Capture-decran-le-2025-06-19-a-13.21.14.jpg\" data-orig-size=\"1462,962\" data-comments-opened=\"1\" data-image-meta=\"{&quot;aperture&quot;:&quot;0&quot;,&quot;credit&quot;:&quot;&quot;,&quot;camera&quot;:&quot;&quot;,&quot;caption&quot;:&quot;&quot;,&quot;created_timestamp&quot;:&quot;0&quot;,&quot;copyright&quot;:&quot;&quot;,&quot;focal_length&quot;:&quot;0&quot;,&quot;iso&quot;:&quot;0&quot;,&quot;shutter_speed&quot;:&quot;0&quot;,&quot;title&quot;:&quot;&quot;,&quot;orientation&quot;:&quot;0&quot;}\" data-image-title=\"Capture d\u2019e\u0301cran, le 2025-06-19 a\u0300 13.21.14\" data-image-description=\"\" data-medium-file=\"https:\/\/i0.wp.com\/itayachtscanada.com\/wp-content\/uploads\/2025\/06\/Capture-decran-le-2025-06-19-a-13.21.14.jpg?fit=300%2C197&#038;ssl=1\" data-large-file=\"https:\/\/i0.wp.com\/itayachtscanada.com\/wp-content\/uploads\/2025\/06\/Capture-decran-le-2025-06-19-a-13.21.14.jpg?fit=700%2C461&#038;ssl=1\" src=\"https:\/\/i0.wp.com\/itayachtscanada.com\/wp-content\/uploads\/2025\/06\/Capture-decran-le-2025-06-19-a-13.21.14.jpg?w=229&#038;h=150&#038;ssl=1\" srcset=\"https:\/\/i0.wp.com\/itayachtscanada.com\/wp-content\/uploads\/2025\/06\/Capture-decran-le-2025-06-19-a-13.21.14.jpg?w=1462&amp;ssl=1 1462w, https:\/\/i0.wp.com\/itayachtscanada.com\/wp-content\/uploads\/2025\/06\/Capture-decran-le-2025-06-19-a-13.21.14.jpg?resize=300%2C197&amp;ssl=1 300w, https:\/\/i0.wp.com\/itayachtscanada.com\/wp-content\/uploads\/2025\/06\/Capture-decran-le-2025-06-19-a-13.21.14.jpg?resize=1024%2C674&amp;ssl=1 1024w, https:\/\/i0.wp.com\/itayachtscanada.com\/wp-content\/uploads\/2025\/06\/Capture-decran-le-2025-06-19-a-13.21.14.jpg?resize=768%2C505&amp;ssl=1 768w, https:\/\/i0.wp.com\/itayachtscanada.com\/wp-content\/uploads\/2025\/06\/Capture-decran-le-2025-06-19-a-13.21.14.jpg?resize=700%2C461&amp;ssl=1 700w, https:\/\/i0.wp.com\/itayachtscanada.com\/wp-content\/uploads\/2025\/06\/Capture-decran-le-2025-06-19-a-13.21.14.jpg?resize=608%2C400&amp;ssl=1 608w, https:\/\/i0.wp.com\/itayachtscanada.com\/wp-content\/uploads\/2025\/06\/Capture-decran-le-2025-06-19-a-13.21.14.jpg?w=1400&amp;ssl=1 1400w\" width=\"229\" height=\"150\" loading=\"lazy\" data-original-width=\"229\" data-original-height=\"150\" itemprop=\"http:\/\/schema.org\/image\" title=\"Capture d\u2019e\u0301cran, le 2025-06-19 a\u0300 13.21.14\" alt=\"Capture d\u2019e\u0301cran, le 2025-06-19 a\u0300 13.21.14\" style=\"width: 229px; height: 150px;\" \/> <\/a> <\/div> <\/div> <!-- close group --> <div class=\"gallery-group images-1\" style=\"width: 467px; height: 309px;\" data-original-width=\"467\" data-original-height=\"309\" > <div class=\"tiled-gallery-item tiled-gallery-item-large\" itemprop=\"associatedMedia\" itemscope itemtype=\"http:\/\/schema.org\/ImageObject\"> <a href=\"https:\/\/itayachtscanada.com\/fr\/listing\/princess-s62-2021-2299000-usd-for-sale\/capture-decran-le-2025-06-19-a-13-21-10\/\" border=\"0\" itemprop=\"url\"> <meta itemprop=\"width\" content=\"463\"> <meta itemprop=\"height\" content=\"305\"> <img decoding=\"async\" class=\"\" data-attachment-id=\"269117\" data-orig-file=\"https:\/\/itayachtscanada.com\/wp-content\/uploads\/2025\/06\/Capture-decran-le-2025-06-19-a-13.21.10.jpg\" data-orig-size=\"1462,962\" data-comments-opened=\"1\" data-image-meta=\"{&quot;aperture&quot;:&quot;0&quot;,&quot;credit&quot;:&quot;&quot;,&quot;camera&quot;:&quot;&quot;,&quot;caption&quot;:&quot;&quot;,&quot;created_timestamp&quot;:&quot;0&quot;,&quot;copyright&quot;:&quot;&quot;,&quot;focal_length&quot;:&quot;0&quot;,&quot;iso&quot;:&quot;0&quot;,&quot;shutter_speed&quot;:&quot;0&quot;,&quot;title&quot;:&quot;&quot;,&quot;orientation&quot;:&quot;0&quot;}\" data-image-title=\"Capture d\u2019e\u0301cran, le 2025-06-19 a\u0300 13.21.10\" data-image-description=\"\" data-medium-file=\"https:\/\/i0.wp.com\/itayachtscanada.com\/wp-content\/uploads\/2025\/06\/Capture-decran-le-2025-06-19-a-13.21.10.jpg?fit=300%2C197&#038;ssl=1\" data-large-file=\"https:\/\/i0.wp.com\/itayachtscanada.com\/wp-content\/uploads\/2025\/06\/Capture-decran-le-2025-06-19-a-13.21.10.jpg?fit=700%2C461&#038;ssl=1\" src=\"https:\/\/i0.wp.com\/itayachtscanada.com\/wp-content\/uploads\/2025\/06\/Capture-decran-le-2025-06-19-a-13.21.10.jpg?w=463&#038;h=305&#038;ssl=1\" srcset=\"https:\/\/i0.wp.com\/itayachtscanada.com\/wp-content\/uploads\/2025\/06\/Capture-decran-le-2025-06-19-a-13.21.10.jpg?w=1462&amp;ssl=1 1462w, https:\/\/i0.wp.com\/itayachtscanada.com\/wp-content\/uploads\/2025\/06\/Capture-decran-le-2025-06-19-a-13.21.10.jpg?resize=300%2C197&amp;ssl=1 300w, https:\/\/i0.wp.com\/itayachtscanada.com\/wp-content\/uploads\/2025\/06\/Capture-decran-le-2025-06-19-a-13.21.10.jpg?resize=1024%2C674&amp;ssl=1 1024w, https:\/\/i0.wp.com\/itayachtscanada.com\/wp-content\/uploads\/2025\/06\/Capture-decran-le-2025-06-19-a-13.21.10.jpg?resize=768%2C505&amp;ssl=1 768w, https:\/\/i0.wp.com\/itayachtscanada.com\/wp-content\/uploads\/2025\/06\/Capture-decran-le-2025-06-19-a-13.21.10.jpg?resize=700%2C461&amp;ssl=1 700w, https:\/\/i0.wp.com\/itayachtscanada.com\/wp-content\/uploads\/2025\/06\/Capture-decran-le-2025-06-19-a-13.21.10.jpg?resize=608%2C400&amp;ssl=1 608w, https:\/\/i0.wp.com\/itayachtscanada.com\/wp-content\/uploads\/2025\/06\/Capture-decran-le-2025-06-19-a-13.21.10.jpg?w=1400&amp;ssl=1 1400w\" width=\"463\" height=\"305\" loading=\"lazy\" data-original-width=\"463\" data-original-height=\"305\" itemprop=\"http:\/\/schema.org\/image\" title=\"Capture d\u2019e\u0301cran, le 2025-06-19 a\u0300 13.21.10\" alt=\"Capture d\u2019e\u0301cran, le 2025-06-19 a\u0300 13.21.10\" style=\"width: 463px; height: 305px;\" \/> <\/a> <\/div> <\/div> <!-- close group --> <\/div> <!-- close row --> <div class=\"gallery-row\" style=\"width: 700px; height: 232px;\" data-original-width=\"700\" data-original-height=\"232\" > <div class=\"gallery-group images-1\" style=\"width: 350px; height: 232px;\" data-original-width=\"350\" data-original-height=\"232\" > <div class=\"tiled-gallery-item tiled-gallery-item-large\" itemprop=\"associatedMedia\" itemscope itemtype=\"http:\/\/schema.org\/ImageObject\"> <a href=\"https:\/\/itayachtscanada.com\/fr\/listing\/princess-s62-2021-2299000-usd-for-sale\/capture-decran-le-2025-06-19-a-13-21-07\/\" border=\"0\" itemprop=\"url\"> <meta itemprop=\"width\" content=\"346\"> <meta itemprop=\"height\" content=\"228\"> <img decoding=\"async\" class=\"\" data-attachment-id=\"269118\" data-orig-file=\"https:\/\/itayachtscanada.com\/wp-content\/uploads\/2025\/06\/Capture-decran-le-2025-06-19-a-13.21.07.jpg\" data-orig-size=\"1462,962\" data-comments-opened=\"1\" data-image-meta=\"{&quot;aperture&quot;:&quot;0&quot;,&quot;credit&quot;:&quot;&quot;,&quot;camera&quot;:&quot;&quot;,&quot;caption&quot;:&quot;&quot;,&quot;created_timestamp&quot;:&quot;0&quot;,&quot;copyright&quot;:&quot;&quot;,&quot;focal_length&quot;:&quot;0&quot;,&quot;iso&quot;:&quot;0&quot;,&quot;shutter_speed&quot;:&quot;0&quot;,&quot;title&quot;:&quot;&quot;,&quot;orientation&quot;:&quot;0&quot;}\" data-image-title=\"Capture d\u2019e\u0301cran, le 2025-06-19 a\u0300 13.21.07\" data-image-description=\"\" data-medium-file=\"https:\/\/i0.wp.com\/itayachtscanada.com\/wp-content\/uploads\/2025\/06\/Capture-decran-le-2025-06-19-a-13.21.07.jpg?fit=300%2C197&#038;ssl=1\" data-large-file=\"https:\/\/i0.wp.com\/itayachtscanada.com\/wp-content\/uploads\/2025\/06\/Capture-decran-le-2025-06-19-a-13.21.07.jpg?fit=700%2C461&#038;ssl=1\" src=\"https:\/\/i0.wp.com\/itayachtscanada.com\/wp-content\/uploads\/2025\/06\/Capture-decran-le-2025-06-19-a-13.21.07.jpg?w=346&#038;h=228&#038;ssl=1\" srcset=\"https:\/\/i0.wp.com\/itayachtscanada.com\/wp-content\/uploads\/2025\/06\/Capture-decran-le-2025-06-19-a-13.21.07.jpg?w=1462&amp;ssl=1 1462w, https:\/\/i0.wp.com\/itayachtscanada.com\/wp-content\/uploads\/2025\/06\/Capture-decran-le-2025-06-19-a-13.21.07.jpg?resize=300%2C197&amp;ssl=1 300w, https:\/\/i0.wp.com\/itayachtscanada.com\/wp-content\/uploads\/2025\/06\/Capture-decran-le-2025-06-19-a-13.21.07.jpg?resize=1024%2C674&amp;ssl=1 1024w, https:\/\/i0.wp.com\/itayachtscanada.com\/wp-content\/uploads\/2025\/06\/Capture-decran-le-2025-06-19-a-13.21.07.jpg?resize=768%2C505&amp;ssl=1 768w, https:\/\/i0.wp.com\/itayachtscanada.com\/wp-content\/uploads\/2025\/06\/Capture-decran-le-2025-06-19-a-13.21.07.jpg?resize=700%2C461&amp;ssl=1 700w, https:\/\/i0.wp.com\/itayachtscanada.com\/wp-content\/uploads\/2025\/06\/Capture-decran-le-2025-06-19-a-13.21.07.jpg?resize=608%2C400&amp;ssl=1 608w, https:\/\/i0.wp.com\/itayachtscanada.com\/wp-content\/uploads\/2025\/06\/Capture-decran-le-2025-06-19-a-13.21.07.jpg?w=1400&amp;ssl=1 1400w\" width=\"346\" height=\"228\" loading=\"lazy\" data-original-width=\"346\" data-original-height=\"228\" itemprop=\"http:\/\/schema.org\/image\" title=\"Capture d\u2019e\u0301cran, le 2025-06-19 a\u0300 13.21.07\" alt=\"Capture d\u2019e\u0301cran, le 2025-06-19 a\u0300 13.21.07\" style=\"width: 346px; height: 228px;\" \/> <\/a> <\/div> <\/div> <!-- close group --> <div class=\"gallery-group images-1\" style=\"width: 350px; height: 232px;\" data-original-width=\"350\" data-original-height=\"232\" > <div class=\"tiled-gallery-item tiled-gallery-item-large\" itemprop=\"associatedMedia\" itemscope itemtype=\"http:\/\/schema.org\/ImageObject\"> <a href=\"https:\/\/itayachtscanada.com\/fr\/listing\/princess-s62-2021-2299000-usd-for-sale\/capture-decran-le-2025-06-19-a-13-21-04\/\" border=\"0\" itemprop=\"url\"> <meta itemprop=\"width\" content=\"346\"> <meta itemprop=\"height\" content=\"228\"> <img decoding=\"async\" class=\"\" data-attachment-id=\"269119\" data-orig-file=\"https:\/\/itayachtscanada.com\/wp-content\/uploads\/2025\/06\/Capture-decran-le-2025-06-19-a-13.21.04.jpg\" data-orig-size=\"1462,962\" data-comments-opened=\"1\" data-image-meta=\"{&quot;aperture&quot;:&quot;0&quot;,&quot;credit&quot;:&quot;&quot;,&quot;camera&quot;:&quot;&quot;,&quot;caption&quot;:&quot;&quot;,&quot;created_timestamp&quot;:&quot;0&quot;,&quot;copyright&quot;:&quot;&quot;,&quot;focal_length&quot;:&quot;0&quot;,&quot;iso&quot;:&quot;0&quot;,&quot;shutter_speed&quot;:&quot;0&quot;,&quot;title&quot;:&quot;&quot;,&quot;orientation&quot;:&quot;0&quot;}\" data-image-title=\"Capture d\u2019e\u0301cran, le 2025-06-19 a\u0300 13.21.04\" data-image-description=\"\" data-medium-file=\"https:\/\/i0.wp.com\/itayachtscanada.com\/wp-content\/uploads\/2025\/06\/Capture-decran-le-2025-06-19-a-13.21.04.jpg?fit=300%2C197&#038;ssl=1\" data-large-file=\"https:\/\/i0.wp.com\/itayachtscanada.com\/wp-content\/uploads\/2025\/06\/Capture-decran-le-2025-06-19-a-13.21.04.jpg?fit=700%2C461&#038;ssl=1\" src=\"https:\/\/i0.wp.com\/itayachtscanada.com\/wp-content\/uploads\/2025\/06\/Capture-decran-le-2025-06-19-a-13.21.04.jpg?w=346&#038;h=228&#038;ssl=1\" srcset=\"https:\/\/i0.wp.com\/itayachtscanada.com\/wp-content\/uploads\/2025\/06\/Capture-decran-le-2025-06-19-a-13.21.04.jpg?w=1462&amp;ssl=1 1462w, https:\/\/i0.wp.com\/itayachtscanada.com\/wp-content\/uploads\/2025\/06\/Capture-decran-le-2025-06-19-a-13.21.04.jpg?resize=300%2C197&amp;ssl=1 300w, https:\/\/i0.wp.com\/itayachtscanada.com\/wp-content\/uploads\/2025\/06\/Capture-decran-le-2025-06-19-a-13.21.04.jpg?resize=1024%2C674&amp;ssl=1 1024w, https:\/\/i0.wp.com\/itayachtscanada.com\/wp-content\/uploads\/2025\/06\/Capture-decran-le-2025-06-19-a-13.21.04.jpg?resize=768%2C505&amp;ssl=1 768w, https:\/\/i0.wp.com\/itayachtscanada.com\/wp-content\/uploads\/2025\/06\/Capture-decran-le-2025-06-19-a-13.21.04.jpg?resize=700%2C461&amp;ssl=1 700w, https:\/\/i0.wp.com\/itayachtscanada.com\/wp-content\/uploads\/2025\/06\/Capture-decran-le-2025-06-19-a-13.21.04.jpg?resize=608%2C400&amp;ssl=1 608w, https:\/\/i0.wp.com\/itayachtscanada.com\/wp-content\/uploads\/2025\/06\/Capture-decran-le-2025-06-19-a-13.21.04.jpg?w=1400&amp;ssl=1 1400w\" width=\"346\" height=\"228\" loading=\"lazy\" data-original-width=\"346\" data-original-height=\"228\" itemprop=\"http:\/\/schema.org\/image\" title=\"Capture d\u2019e\u0301cran, le 2025-06-19 a\u0300 13.21.04\" alt=\"Capture d\u2019e\u0301cran, le 2025-06-19 a\u0300 13.21.04\" style=\"width: 346px; height: 228px;\" \/> <\/a> <\/div> <\/div> <!-- close group --> <\/div> <!-- close row --> <div class=\"gallery-row\" style=\"width: 700px; height: 470px;\" data-original-width=\"700\" data-original-height=\"470\" > <div class=\"gallery-group images-1\" style=\"width: 464px; height: 470px;\" data-original-width=\"464\" data-original-height=\"470\" > <div class=\"tiled-gallery-item tiled-gallery-item-large\" itemprop=\"associatedMedia\" itemscope itemtype=\"http:\/\/schema.org\/ImageObject\"> <a href=\"https:\/\/itayachtscanada.com\/fr\/listing\/princess-s62-2021-2299000-usd-for-sale\/layout-princess-s62-4\/\" border=\"0\" itemprop=\"url\"> <meta itemprop=\"width\" content=\"460\"> <meta itemprop=\"height\" content=\"466\"> <img decoding=\"async\" class=\"\" data-attachment-id=\"269125\" data-orig-file=\"https:\/\/itayachtscanada.com\/wp-content\/uploads\/2025\/06\/Layout-Princess-S62-.jpg\" data-orig-size=\"1262,1280\" data-comments-opened=\"1\" data-image-meta=\"{&quot;aperture&quot;:&quot;0&quot;,&quot;credit&quot;:&quot;&quot;,&quot;camera&quot;:&quot;&quot;,&quot;caption&quot;:&quot;&quot;,&quot;created_timestamp&quot;:&quot;0&quot;,&quot;copyright&quot;:&quot;&quot;,&quot;focal_length&quot;:&quot;0&quot;,&quot;iso&quot;:&quot;0&quot;,&quot;shutter_speed&quot;:&quot;0&quot;,&quot;title&quot;:&quot;&quot;,&quot;orientation&quot;:&quot;0&quot;}\" data-image-title=\"Layout Princess S62\" data-image-description=\"\" data-medium-file=\"https:\/\/i0.wp.com\/itayachtscanada.com\/wp-content\/uploads\/2025\/06\/Layout-Princess-S62-.jpg?fit=296%2C300&#038;ssl=1\" data-large-file=\"https:\/\/i0.wp.com\/itayachtscanada.com\/wp-content\/uploads\/2025\/06\/Layout-Princess-S62-.jpg?fit=700%2C710&#038;ssl=1\" src=\"https:\/\/i0.wp.com\/itayachtscanada.com\/wp-content\/uploads\/2025\/06\/Layout-Princess-S62-.jpg?w=460&#038;h=466&#038;ssl=1\" srcset=\"https:\/\/i0.wp.com\/itayachtscanada.com\/wp-content\/uploads\/2025\/06\/Layout-Princess-S62-.jpg?w=1262&amp;ssl=1 1262w, https:\/\/i0.wp.com\/itayachtscanada.com\/wp-content\/uploads\/2025\/06\/Layout-Princess-S62-.jpg?resize=296%2C300&amp;ssl=1 296w, https:\/\/i0.wp.com\/itayachtscanada.com\/wp-content\/uploads\/2025\/06\/Layout-Princess-S62-.jpg?resize=1010%2C1024&amp;ssl=1 1010w, https:\/\/i0.wp.com\/itayachtscanada.com\/wp-content\/uploads\/2025\/06\/Layout-Princess-S62-.jpg?resize=768%2C779&amp;ssl=1 768w, https:\/\/i0.wp.com\/itayachtscanada.com\/wp-content\/uploads\/2025\/06\/Layout-Princess-S62-.jpg?resize=60%2C60&amp;ssl=1 60w, https:\/\/i0.wp.com\/itayachtscanada.com\/wp-content\/uploads\/2025\/06\/Layout-Princess-S62-.jpg?resize=80%2C80&amp;ssl=1 80w, https:\/\/i0.wp.com\/itayachtscanada.com\/wp-content\/uploads\/2025\/06\/Layout-Princess-S62-.jpg?resize=700%2C710&amp;ssl=1 700w, https:\/\/i0.wp.com\/itayachtscanada.com\/wp-content\/uploads\/2025\/06\/Layout-Princess-S62-.jpg?resize=100%2C100&amp;ssl=1 100w, https:\/\/i0.wp.com\/itayachtscanada.com\/wp-content\/uploads\/2025\/06\/Layout-Princess-S62-.jpg?resize=394%2C400&amp;ssl=1 394w, https:\/\/i0.wp.com\/itayachtscanada.com\/wp-content\/uploads\/2025\/06\/Layout-Princess-S62-.jpg?resize=50%2C50&amp;ssl=1 50w\" width=\"460\" height=\"466\" loading=\"lazy\" data-original-width=\"460\" data-original-height=\"466\" itemprop=\"http:\/\/schema.org\/image\" title=\"Layout Princess S62\" alt=\"Layout Princess S62\" style=\"width: 460px; height: 466px;\" \/> <\/a> <\/div> <\/div> <!-- close group --> <div class=\"gallery-group images-3\" style=\"width: 236px; height: 470px;\" data-original-width=\"236\" data-original-height=\"470\" > <div class=\"tiled-gallery-item tiled-gallery-item-small\" itemprop=\"associatedMedia\" itemscope itemtype=\"http:\/\/schema.org\/ImageObject\"> <a href=\"https:\/\/itayachtscanada.com\/fr\/listing\/princess-s62-2021-2299000-usd-for-sale\/capture-decran-le-2025-06-19-a-13-21-00\/\" border=\"0\" itemprop=\"url\"> <meta itemprop=\"width\" content=\"232\"> <meta itemprop=\"height\" content=\"153\"> <img decoding=\"async\" class=\"\" data-attachment-id=\"269120\" data-orig-file=\"https:\/\/itayachtscanada.com\/wp-content\/uploads\/2025\/06\/Capture-decran-le-2025-06-19-a-13.21.00.jpg\" data-orig-size=\"1462,962\" data-comments-opened=\"1\" data-image-meta=\"{&quot;aperture&quot;:&quot;0&quot;,&quot;credit&quot;:&quot;&quot;,&quot;camera&quot;:&quot;&quot;,&quot;caption&quot;:&quot;&quot;,&quot;created_timestamp&quot;:&quot;0&quot;,&quot;copyright&quot;:&quot;&quot;,&quot;focal_length&quot;:&quot;0&quot;,&quot;iso&quot;:&quot;0&quot;,&quot;shutter_speed&quot;:&quot;0&quot;,&quot;title&quot;:&quot;&quot;,&quot;orientation&quot;:&quot;0&quot;}\" data-image-title=\"Capture d\u2019e\u0301cran, le 2025-06-19 a\u0300 13.21.00\" data-image-description=\"\" data-medium-file=\"https:\/\/i0.wp.com\/itayachtscanada.com\/wp-content\/uploads\/2025\/06\/Capture-decran-le-2025-06-19-a-13.21.00.jpg?fit=300%2C197&#038;ssl=1\" data-large-file=\"https:\/\/i0.wp.com\/itayachtscanada.com\/wp-content\/uploads\/2025\/06\/Capture-decran-le-2025-06-19-a-13.21.00.jpg?fit=700%2C461&#038;ssl=1\" src=\"https:\/\/i0.wp.com\/itayachtscanada.com\/wp-content\/uploads\/2025\/06\/Capture-decran-le-2025-06-19-a-13.21.00.jpg?w=232&#038;h=153&#038;ssl=1\" srcset=\"https:\/\/i0.wp.com\/itayachtscanada.com\/wp-content\/uploads\/2025\/06\/Capture-decran-le-2025-06-19-a-13.21.00.jpg?w=1462&amp;ssl=1 1462w, https:\/\/i0.wp.com\/itayachtscanada.com\/wp-content\/uploads\/2025\/06\/Capture-decran-le-2025-06-19-a-13.21.00.jpg?resize=300%2C197&amp;ssl=1 300w, https:\/\/i0.wp.com\/itayachtscanada.com\/wp-content\/uploads\/2025\/06\/Capture-decran-le-2025-06-19-a-13.21.00.jpg?resize=1024%2C674&amp;ssl=1 1024w, https:\/\/i0.wp.com\/itayachtscanada.com\/wp-content\/uploads\/2025\/06\/Capture-decran-le-2025-06-19-a-13.21.00.jpg?resize=768%2C505&amp;ssl=1 768w, https:\/\/i0.wp.com\/itayachtscanada.com\/wp-content\/uploads\/2025\/06\/Capture-decran-le-2025-06-19-a-13.21.00.jpg?resize=700%2C461&amp;ssl=1 700w, https:\/\/i0.wp.com\/itayachtscanada.com\/wp-content\/uploads\/2025\/06\/Capture-decran-le-2025-06-19-a-13.21.00.jpg?resize=608%2C400&amp;ssl=1 608w, https:\/\/i0.wp.com\/itayachtscanada.com\/wp-content\/uploads\/2025\/06\/Capture-decran-le-2025-06-19-a-13.21.00.jpg?w=1400&amp;ssl=1 1400w\" width=\"232\" height=\"153\" loading=\"lazy\" data-original-width=\"232\" data-original-height=\"153\" itemprop=\"http:\/\/schema.org\/image\" title=\"Capture d\u2019e\u0301cran, le 2025-06-19 a\u0300 13.21.00\" alt=\"Capture d\u2019e\u0301cran, le 2025-06-19 a\u0300 13.21.00\" style=\"width: 232px; height: 153px;\" \/> <\/a> <\/div> <div class=\"tiled-gallery-item tiled-gallery-item-small\" itemprop=\"associatedMedia\" itemscope itemtype=\"http:\/\/schema.org\/ImageObject\"> <a href=\"https:\/\/itayachtscanada.com\/fr\/listing\/princess-s62-2021-2299000-usd-for-sale\/capture-decran-le-2025-06-19-a-13-20-56\/\" border=\"0\" itemprop=\"url\"> <meta itemprop=\"width\" content=\"232\"> <meta itemprop=\"height\" content=\"153\"> <img decoding=\"async\" class=\"\" data-attachment-id=\"269121\" data-orig-file=\"https:\/\/itayachtscanada.com\/wp-content\/uploads\/2025\/06\/Capture-decran-le-2025-06-19-a-13.20.56.jpg\" data-orig-size=\"1462,962\" data-comments-opened=\"1\" data-image-meta=\"{&quot;aperture&quot;:&quot;0&quot;,&quot;credit&quot;:&quot;&quot;,&quot;camera&quot;:&quot;&quot;,&quot;caption&quot;:&quot;&quot;,&quot;created_timestamp&quot;:&quot;0&quot;,&quot;copyright&quot;:&quot;&quot;,&quot;focal_length&quot;:&quot;0&quot;,&quot;iso&quot;:&quot;0&quot;,&quot;shutter_speed&quot;:&quot;0&quot;,&quot;title&quot;:&quot;&quot;,&quot;orientation&quot;:&quot;0&quot;}\" data-image-title=\"Capture d\u2019e\u0301cran, le 2025-06-19 a\u0300 13.20.56\" data-image-description=\"\" data-medium-file=\"https:\/\/i0.wp.com\/itayachtscanada.com\/wp-content\/uploads\/2025\/06\/Capture-decran-le-2025-06-19-a-13.20.56.jpg?fit=300%2C197&#038;ssl=1\" data-large-file=\"https:\/\/i0.wp.com\/itayachtscanada.com\/wp-content\/uploads\/2025\/06\/Capture-decran-le-2025-06-19-a-13.20.56.jpg?fit=700%2C461&#038;ssl=1\" src=\"https:\/\/i0.wp.com\/itayachtscanada.com\/wp-content\/uploads\/2025\/06\/Capture-decran-le-2025-06-19-a-13.20.56.jpg?w=232&#038;h=153&#038;ssl=1\" srcset=\"https:\/\/i0.wp.com\/itayachtscanada.com\/wp-content\/uploads\/2025\/06\/Capture-decran-le-2025-06-19-a-13.20.56.jpg?w=1462&amp;ssl=1 1462w, https:\/\/i0.wp.com\/itayachtscanada.com\/wp-content\/uploads\/2025\/06\/Capture-decran-le-2025-06-19-a-13.20.56.jpg?resize=300%2C197&amp;ssl=1 300w, https:\/\/i0.wp.com\/itayachtscanada.com\/wp-content\/uploads\/2025\/06\/Capture-decran-le-2025-06-19-a-13.20.56.jpg?resize=1024%2C674&amp;ssl=1 1024w, https:\/\/i0.wp.com\/itayachtscanada.com\/wp-content\/uploads\/2025\/06\/Capture-decran-le-2025-06-19-a-13.20.56.jpg?resize=768%2C505&amp;ssl=1 768w, https:\/\/i0.wp.com\/itayachtscanada.com\/wp-content\/uploads\/2025\/06\/Capture-decran-le-2025-06-19-a-13.20.56.jpg?resize=700%2C461&amp;ssl=1 700w, https:\/\/i0.wp.com\/itayachtscanada.com\/wp-content\/uploads\/2025\/06\/Capture-decran-le-2025-06-19-a-13.20.56.jpg?resize=608%2C400&amp;ssl=1 608w, https:\/\/i0.wp.com\/itayachtscanada.com\/wp-content\/uploads\/2025\/06\/Capture-decran-le-2025-06-19-a-13.20.56.jpg?w=1400&amp;ssl=1 1400w\" width=\"232\" height=\"153\" loading=\"lazy\" data-original-width=\"232\" data-original-height=\"153\" itemprop=\"http:\/\/schema.org\/image\" title=\"Capture d\u2019e\u0301cran, le 2025-06-19 a\u0300 13.20.56\" alt=\"Capture d\u2019e\u0301cran, le 2025-06-19 a\u0300 13.20.56\" style=\"width: 232px; height: 153px;\" \/> <\/a> <\/div> <div class=\"tiled-gallery-item tiled-gallery-item-small\" itemprop=\"associatedMedia\" itemscope itemtype=\"http:\/\/schema.org\/ImageObject\"> <a href=\"https:\/\/itayachtscanada.com\/fr\/listing\/princess-s62-2021-2299000-usd-for-sale\/capture-decran-le-2025-06-19-a-13-20-53\/\" border=\"0\" itemprop=\"url\"> <meta itemprop=\"width\" content=\"232\"> <meta itemprop=\"height\" content=\"152\"> <img decoding=\"async\" class=\"\" data-attachment-id=\"269122\" data-orig-file=\"https:\/\/itayachtscanada.com\/wp-content\/uploads\/2025\/06\/Capture-decran-le-2025-06-19-a-13.20.53.jpg\" data-orig-size=\"1462,962\" data-comments-opened=\"1\" data-image-meta=\"{&quot;aperture&quot;:&quot;0&quot;,&quot;credit&quot;:&quot;&quot;,&quot;camera&quot;:&quot;&quot;,&quot;caption&quot;:&quot;&quot;,&quot;created_timestamp&quot;:&quot;0&quot;,&quot;copyright&quot;:&quot;&quot;,&quot;focal_length&quot;:&quot;0&quot;,&quot;iso&quot;:&quot;0&quot;,&quot;shutter_speed&quot;:&quot;0&quot;,&quot;title&quot;:&quot;&quot;,&quot;orientation&quot;:&quot;0&quot;}\" data-image-title=\"Capture d\u2019e\u0301cran, le 2025-06-19 a\u0300 13.20.53\" data-image-description=\"\" data-medium-file=\"https:\/\/i0.wp.com\/itayachtscanada.com\/wp-content\/uploads\/2025\/06\/Capture-decran-le-2025-06-19-a-13.20.53.jpg?fit=300%2C197&#038;ssl=1\" data-large-file=\"https:\/\/i0.wp.com\/itayachtscanada.com\/wp-content\/uploads\/2025\/06\/Capture-decran-le-2025-06-19-a-13.20.53.jpg?fit=700%2C461&#038;ssl=1\" src=\"https:\/\/i0.wp.com\/itayachtscanada.com\/wp-content\/uploads\/2025\/06\/Capture-decran-le-2025-06-19-a-13.20.53.jpg?w=232&#038;h=152&#038;ssl=1\" srcset=\"https:\/\/i0.wp.com\/itayachtscanada.com\/wp-content\/uploads\/2025\/06\/Capture-decran-le-2025-06-19-a-13.20.53.jpg?w=1462&amp;ssl=1 1462w, https:\/\/i0.wp.com\/itayachtscanada.com\/wp-content\/uploads\/2025\/06\/Capture-decran-le-2025-06-19-a-13.20.53.jpg?resize=300%2C197&amp;ssl=1 300w, https:\/\/i0.wp.com\/itayachtscanada.com\/wp-content\/uploads\/2025\/06\/Capture-decran-le-2025-06-19-a-13.20.53.jpg?resize=1024%2C674&amp;ssl=1 1024w, https:\/\/i0.wp.com\/itayachtscanada.com\/wp-content\/uploads\/2025\/06\/Capture-decran-le-2025-06-19-a-13.20.53.jpg?resize=768%2C505&amp;ssl=1 768w, https:\/\/i0.wp.com\/itayachtscanada.com\/wp-content\/uploads\/2025\/06\/Capture-decran-le-2025-06-19-a-13.20.53.jpg?resize=700%2C461&amp;ssl=1 700w, https:\/\/i0.wp.com\/itayachtscanada.com\/wp-content\/uploads\/2025\/06\/Capture-decran-le-2025-06-19-a-13.20.53.jpg?resize=608%2C400&amp;ssl=1 608w, https:\/\/i0.wp.com\/itayachtscanada.com\/wp-content\/uploads\/2025\/06\/Capture-decran-le-2025-06-19-a-13.20.53.jpg?w=1400&amp;ssl=1 1400w\" width=\"232\" height=\"152\" loading=\"lazy\" data-original-width=\"232\" data-original-height=\"152\" itemprop=\"http:\/\/schema.org\/image\" title=\"Capture d\u2019e\u0301cran, le 2025-06-19 a\u0300 13.20.53\" alt=\"Capture d\u2019e\u0301cran, le 2025-06-19 a\u0300 13.20.53\" style=\"width: 232px; height: 152px;\" \/> <\/a> <\/div> <\/div> <!-- close group --> <\/div> <!-- close row --> <div class=\"gallery-row\" style=\"width: 700px; height: 232px;\" data-original-width=\"700\" data-original-height=\"232\" > <div class=\"gallery-group images-1\" style=\"width: 350px; height: 232px;\" data-original-width=\"350\" data-original-height=\"232\" > <div class=\"tiled-gallery-item tiled-gallery-item-large\" itemprop=\"associatedMedia\" itemscope itemtype=\"http:\/\/schema.org\/ImageObject\"> <a href=\"https:\/\/itayachtscanada.com\/fr\/listing\/princess-s62-2021-2299000-usd-for-sale\/capture-decran-le-2025-06-19-a-13-19-43\/\" border=\"0\" itemprop=\"url\"> <meta itemprop=\"width\" content=\"346\"> <meta itemprop=\"height\" content=\"228\"> <img decoding=\"async\" class=\"\" data-attachment-id=\"269123\" data-orig-file=\"https:\/\/itayachtscanada.com\/wp-content\/uploads\/2025\/06\/Capture-decran-le-2025-06-19-a-13.19.43.jpg\" data-orig-size=\"1462,962\" data-comments-opened=\"1\" data-image-meta=\"{&quot;aperture&quot;:&quot;0&quot;,&quot;credit&quot;:&quot;&quot;,&quot;camera&quot;:&quot;&quot;,&quot;caption&quot;:&quot;&quot;,&quot;created_timestamp&quot;:&quot;0&quot;,&quot;copyright&quot;:&quot;&quot;,&quot;focal_length&quot;:&quot;0&quot;,&quot;iso&quot;:&quot;0&quot;,&quot;shutter_speed&quot;:&quot;0&quot;,&quot;title&quot;:&quot;&quot;,&quot;orientation&quot;:&quot;0&quot;}\" data-image-title=\"Capture d\u2019e\u0301cran, le 2025-06-19 a\u0300 13.19.43\" data-image-description=\"\" data-medium-file=\"https:\/\/i0.wp.com\/itayachtscanada.com\/wp-content\/uploads\/2025\/06\/Capture-decran-le-2025-06-19-a-13.19.43.jpg?fit=300%2C197&#038;ssl=1\" data-large-file=\"https:\/\/i0.wp.com\/itayachtscanada.com\/wp-content\/uploads\/2025\/06\/Capture-decran-le-2025-06-19-a-13.19.43.jpg?fit=700%2C461&#038;ssl=1\" src=\"https:\/\/i0.wp.com\/itayachtscanada.com\/wp-content\/uploads\/2025\/06\/Capture-decran-le-2025-06-19-a-13.19.43.jpg?w=346&#038;h=228&#038;ssl=1\" srcset=\"https:\/\/i0.wp.com\/itayachtscanada.com\/wp-content\/uploads\/2025\/06\/Capture-decran-le-2025-06-19-a-13.19.43.jpg?w=1462&amp;ssl=1 1462w, https:\/\/i0.wp.com\/itayachtscanada.com\/wp-content\/uploads\/2025\/06\/Capture-decran-le-2025-06-19-a-13.19.43.jpg?resize=300%2C197&amp;ssl=1 300w, https:\/\/i0.wp.com\/itayachtscanada.com\/wp-content\/uploads\/2025\/06\/Capture-decran-le-2025-06-19-a-13.19.43.jpg?resize=1024%2C674&amp;ssl=1 1024w, https:\/\/i0.wp.com\/itayachtscanada.com\/wp-content\/uploads\/2025\/06\/Capture-decran-le-2025-06-19-a-13.19.43.jpg?resize=768%2C505&amp;ssl=1 768w, https:\/\/i0.wp.com\/itayachtscanada.com\/wp-content\/uploads\/2025\/06\/Capture-decran-le-2025-06-19-a-13.19.43.jpg?resize=700%2C461&amp;ssl=1 700w, https:\/\/i0.wp.com\/itayachtscanada.com\/wp-content\/uploads\/2025\/06\/Capture-decran-le-2025-06-19-a-13.19.43.jpg?resize=608%2C400&amp;ssl=1 608w, https:\/\/i0.wp.com\/itayachtscanada.com\/wp-content\/uploads\/2025\/06\/Capture-decran-le-2025-06-19-a-13.19.43.jpg?w=1400&amp;ssl=1 1400w\" width=\"346\" height=\"228\" loading=\"lazy\" data-original-width=\"346\" data-original-height=\"228\" itemprop=\"http:\/\/schema.org\/image\" title=\"Capture d\u2019e\u0301cran, le 2025-06-19 a\u0300 13.19.43\" alt=\"Capture d\u2019e\u0301cran, le 2025-06-19 a\u0300 13.19.43\" style=\"width: 346px; height: 228px;\" \/> <\/a> <\/div> <\/div> <!-- close group --> <div class=\"gallery-group images-1\" style=\"width: 350px; height: 232px;\" data-original-width=\"350\" data-original-height=\"232\" > <div class=\"tiled-gallery-item tiled-gallery-item-large\" itemprop=\"associatedMedia\" itemscope itemtype=\"http:\/\/schema.org\/ImageObject\"> <a href=\"https:\/\/itayachtscanada.com\/fr\/listing\/princess-s62-2021-2299000-usd-for-sale\/capture-decran-le-2025-06-19-a-13-19-31\/\" border=\"0\" itemprop=\"url\"> <meta itemprop=\"width\" content=\"346\"> <meta itemprop=\"height\" content=\"228\"> <img decoding=\"async\" class=\"\" data-attachment-id=\"269124\" data-orig-file=\"https:\/\/itayachtscanada.com\/wp-content\/uploads\/2025\/06\/Capture-decran-le-2025-06-19-a-13.19.31.jpg\" data-orig-size=\"1462,962\" data-comments-opened=\"1\" data-image-meta=\"{&quot;aperture&quot;:&quot;0&quot;,&quot;credit&quot;:&quot;&quot;,&quot;camera&quot;:&quot;&quot;,&quot;caption&quot;:&quot;&quot;,&quot;created_timestamp&quot;:&quot;0&quot;,&quot;copyright&quot;:&quot;&quot;,&quot;focal_length&quot;:&quot;0&quot;,&quot;iso&quot;:&quot;0&quot;,&quot;shutter_speed&quot;:&quot;0&quot;,&quot;title&quot;:&quot;&quot;,&quot;orientation&quot;:&quot;0&quot;}\" data-image-title=\"Capture d\u2019e\u0301cran, le 2025-06-19 a\u0300 13.19.31\" data-image-description=\"\" data-medium-file=\"https:\/\/i0.wp.com\/itayachtscanada.com\/wp-content\/uploads\/2025\/06\/Capture-decran-le-2025-06-19-a-13.19.31.jpg?fit=300%2C197&#038;ssl=1\" data-large-file=\"https:\/\/i0.wp.com\/itayachtscanada.com\/wp-content\/uploads\/2025\/06\/Capture-decran-le-2025-06-19-a-13.19.31.jpg?fit=700%2C461&#038;ssl=1\" src=\"https:\/\/i0.wp.com\/itayachtscanada.com\/wp-content\/uploads\/2025\/06\/Capture-decran-le-2025-06-19-a-13.19.31.jpg?w=346&#038;h=228&#038;ssl=1\" srcset=\"https:\/\/i0.wp.com\/itayachtscanada.com\/wp-content\/uploads\/2025\/06\/Capture-decran-le-2025-06-19-a-13.19.31.jpg?w=1462&amp;ssl=1 1462w, https:\/\/i0.wp.com\/itayachtscanada.com\/wp-content\/uploads\/2025\/06\/Capture-decran-le-2025-06-19-a-13.19.31.jpg?resize=300%2C197&amp;ssl=1 300w, https:\/\/i0.wp.com\/itayachtscanada.com\/wp-content\/uploads\/2025\/06\/Capture-decran-le-2025-06-19-a-13.19.31.jpg?resize=1024%2C674&amp;ssl=1 1024w, https:\/\/i0.wp.com\/itayachtscanada.com\/wp-content\/uploads\/2025\/06\/Capture-decran-le-2025-06-19-a-13.19.31.jpg?resize=768%2C505&amp;ssl=1 768w, https:\/\/i0.wp.com\/itayachtscanada.com\/wp-content\/uploads\/2025\/06\/Capture-decran-le-2025-06-19-a-13.19.31.jpg?resize=700%2C461&amp;ssl=1 700w, https:\/\/i0.wp.com\/itayachtscanada.com\/wp-content\/uploads\/2025\/06\/Capture-decran-le-2025-06-19-a-13.19.31.jpg?resize=608%2C400&amp;ssl=1 608w, https:\/\/i0.wp.com\/itayachtscanada.com\/wp-content\/uploads\/2025\/06\/Capture-decran-le-2025-06-19-a-13.19.31.jpg?w=1400&amp;ssl=1 1400w\" width=\"346\" height=\"228\" loading=\"lazy\" data-original-width=\"346\" data-original-height=\"228\" itemprop=\"http:\/\/schema.org\/image\" title=\"Capture d\u2019e\u0301cran, le 2025-06-19 a\u0300 13.19.31\" alt=\"Capture d\u2019e\u0301cran, le 2025-06-19 a\u0300 13.19.31\" style=\"width: 346px; height: 228px;\" \/> <\/a> <\/div> <\/div> <!-- close group --> <\/div> <!-- close row --> <\/div>\n<div class=\"jetpack-video-wrapper\"><span class=\"embed-youtube\" style=\"text-align:center; display: block;\"><iframe loading=\"lazy\" class=\"youtube-player\" width=\"700\" height=\"394\" src=\"https:\/\/www.youtube.com\/embed\/t0_y2DkxjGQ?version=3&#038;rel=1&#038;showsearch=0&#038;showinfo=1&#038;iv_load_policy=1&#038;fs=1&#038;hl=fr-FR&#038;autohide=2&#038;start=67&#038;wmode=transparent\" allowfullscreen=\"true\" style=\"border:0;\" sandbox=\"allow-scripts allow-same-origin allow-popups allow-presentation allow-popups-to-escape-sandbox\"><\/iframe><\/span><\/div>\n<div class=\"jetpack-video-wrapper\"><span class=\"embed-youtube\" style=\"text-align:center; display: block;\"><iframe loading=\"lazy\" class=\"youtube-player\" width=\"700\" height=\"394\" src=\"https:\/\/www.youtube.com\/embed\/MtCs89fxaNQ?version=3&#038;rel=1&#038;showsearch=0&#038;showinfo=1&#038;iv_load_policy=1&#038;fs=1&#038;hl=fr-FR&#038;autohide=2&#038;wmode=transparent\" allowfullscreen=\"true\" style=\"border:0;\" sandbox=\"allow-scripts allow-same-origin allow-popups allow-presentation allow-popups-to-escape-sandbox\"><\/iframe><\/span><\/div>\n<div class=\"jetpack-video-wrapper\"><span class=\"embed-youtube\" style=\"text-align:center; display: block;\"><iframe loading=\"lazy\" class=\"youtube-player\" width=\"700\" height=\"394\" src=\"https:\/\/www.youtube.com\/embed\/GQArGVYpdJ8?version=3&#038;rel=1&#038;showsearch=0&#038;showinfo=1&#038;iv_load_policy=1&#038;fs=1&#038;hl=fr-FR&#038;autohide=2&#038;start=27&#038;wmode=transparent\" allowfullscreen=\"true\" style=\"border:0;\" sandbox=\"allow-scripts allow-same-origin allow-popups allow-presentation allow-popups-to-escape-sandbox\"><\/iframe><\/span><\/div>\n<div>\n<p><b><span lang=\"EN-US\">\u00a0\u00a0<\/span><\/b><\/p>\n<p>&nbsp;<\/p>\n<p><strong>Ita Yachts Canada propose de vous assister et de voir \u00e0 vos int\u00e9r\u00eats pour l\u2019achat de ce yacht qui est \u00e0 vendre par une autre organisation. Nous serons pr\u00e9sents lors de l\u2019inspection et tout au long de la transaction et ce peu importe sa localisation. L\u2019\u00e9quipe d\u2019Ita Yachts Canada se soumet au plus haut standard d\u2019\u00e9thique.<\/strong><\/p>\n<p>&nbsp;<\/p>\n<\/div>\n<\/div>\n<\/div>\n<\/div>\n<\/div>\n<\/div>\n<\/div>\n<\/div>\n<\/div>\n<\/div>\n<\/div>\n<div>\n<div class=\"html-content-description\">\n<p>Dot\u00e9e de caract\u00e9ristiques et d&rsquo;am\u00e9liorations haut de gamme, cette S62 devrait figurer en t\u00eate de votre liste. Les points forts sont les suivants :<\/p>\n<p>Toutes nouvelles batteries AGM 11\/24<br \/>\nGarantie moteur MAN prolong\u00e9e<br \/>\nGarantie g\u00e9n\u00e9rateur Cummins ONAN prolong\u00e9e<br \/>\nGarantie Seakeeper prolong\u00e9e<br \/>\nService moteur 400 heures &#8211; ao\u00fbt 2024<br \/>\nPeinture de fond &#8211; ao\u00fbt 2024<br \/>\nVitesse d&rsquo;h\u00e9lice &#8211; ao\u00fbt 2024<br \/>\nSyst\u00e8me satellite Starlink<br \/>\nCam\u00e9ras de la salle des machines et de s\u00e9curit\u00e9<br \/>\nService annuel du chantier tout juste termin\u00e9 &#8211; ao\u00fbt 2024 D\u00e9tail ext\u00e9rieur\/int\u00e9rieur de la salle des machines &#8211; ao\u00fbt 2024 Gyrogyre antiroulis Seakeeper #9 &#8211; ao\u00fbt 2024<\/p>\n<p>D\u00e9tail ext\u00e9rieur\/int\u00e9rieur de la salle des machines &#8211; Ao\u00fbt 2024<br \/>\nSeakeeper #9\u00a0 Gyro-Stabilizer<br \/>\nJL Audio : am\u00e9liorations<br \/>\nElectroSea: Purification de l&rsquo;eau pour la climatisation<br \/>\n4x Lumishore: lumi\u00e8res osus l&rsquo;eau<br \/>\nGarmin Electronics 2X 8616 Upper &amp; Lower Helm<br \/>\nGarmin GHC &#8211; 20<br \/>\nGarmin GHS 11 VHF Barre sup\u00e9rieure et inf\u00e9rieure<br \/>\nGarmin GMI -20 Depth Display Barre sup\u00e9rieure et inf\u00e9rieure<br \/>\nGarmin 72 Mile Radar<br \/>\nVHF Hailer (haut parleur ext\u00e9rieur pour le capitaine<br \/>\nAccoudoir relevable barre inf\u00e9rieure<br \/>\n2021 Williams 345 Jet Tender<br \/>\nGarage pour un dinghy<br \/>\nGloss Walnut: bois int\u00e9rieur<br \/>\nV Groove : plancher de la cuisine<br \/>\nCollection allure<\/p>\n<p>3 chambres et 2 toilettes avec section douche<br \/>\nStarboard\/tribord\u00a0 S\/R le lit de divise \u00e9lectriquement<br \/>\nSalon r\u00e9frig\u00e9rateur &amp; machine \u00e0 gla\u00e7ons<br \/>\nSportbridge<br \/>\n3rd Station dans la zone cockpit pour faciliter l&rsquo;amarrage<br \/>\nOmbrelle \u00e9lectrique<br \/>\nElectro- hydraulique Bimini pour le flybridge<br \/>\nPont sup\u00e9rieur Pont en teck<br \/>\nCockpit Pont en teck<br \/>\nToiles ext\u00e9rieures<br \/>\nMarche d&#8217;embarquement Quickstep<\/p>\n<p>Description fournie par le fabricant:<\/p>\n<p>Puissant et \u00e9l\u00e9gant \u00e0 la fois, le nouveau S62 pr\u00e9sente une allure dynamique et agile. Avec une forme de coque optimis\u00e9e qui est le fer de lance de son efficacit\u00e9, ses moteurs MAN V8 1200 vous permettent d&rsquo;atteindre des vitesses allant jusqu&rsquo;\u00e0 34 n\u0153uds. Au mouillage, sa plate-forme de bain \u00e9lectro-hydraulique permet de mettre \u00e0 l&rsquo;eau le Williams 345 Jet Tender, ou tout simplement de se baigner \u00e0 l&rsquo;abri des regards. Sa cuisine conviviale \u00e0 l&rsquo;arri\u00e8re comprend une salle \u00e0 manger ouverte avec des portes coulissantes et une fen\u00eatre \u00e0 ouverture totale donnant sur le cockpit. Sous le pont, six personnes peuvent \u00eatre accueillies confortablement dans la cabine propri\u00e9taire avec salle de bain et deux autres cabines d&rsquo;invit\u00e9s.<\/p>\n<p>Pont<br \/>\nStratifi\u00e9 moul\u00e9 en FRP avec couche de mousse<br \/>\nRail de compression en composite de plastique blanc avec bande d&rsquo;arr\u00eat en acier inoxydable<br \/>\nJoint de type \u00ab Shoe Box \u00bb<br \/>\nJoint coque-pont en fibre de verre tabul\u00e9 \u00e0 l&rsquo;int\u00e9rieur<\/p>\n<p>&nbsp;<\/p>\n<p>Flybridge<br \/>\nFlybridge avec toit Bimini<br \/>\nPoste de pilotage<br \/>\nSi\u00e8ge d&rsquo;\u00e9quipage pour environ 10 personnes<br \/>\nTaud de soleil pliant de 24 volts avec toit Bimini synth\u00e9tique. Volt avec toile synth\u00e9tique<br \/>\nTuyauterie de support en acier inoxydable<\/p>\n<p>&nbsp;<\/p>\n<p>Coque<br \/>\nConstruction en FRP moul\u00e9<br \/>\nStratifi\u00e9s solides en FRP (plastique renforc\u00e9 de fibres) sous la ligne de flottaison<br \/>\nMat\u00e9riaux de base utilis\u00e9s au-dessus de la ligne de flottaison<br \/>\nFinition Gelcoat blanc avec bandes noires<\/p>\n<p>&nbsp;<\/p>\n<p>\u00c9quipement ext\u00e9rieur<br \/>\nLe cockpit comprend un \u00e9vier wet-bar<br \/>\nGril Kenon \u00e0 br\u00fbleur unique avec Touch Control<br \/>\nBo\u00eete de r\u00e9frig\u00e9ration int\u00e9gr\u00e9e Dometic<br \/>\nSi\u00e8ge du gouvernail en vinyle \u00e0 toile textur\u00e9e grise, banquette et coussins d&rsquo;hiloire en vinyle gris textur\u00e9<\/p>\n<p>Deux (2) pare-brise en verre tremp\u00e9 encastr\u00e9s<br \/>\nUne (1) fen\u00eatre d&rsquo;a\u00e9ration lat\u00e9rale ouvrante<br \/>\nGarde-corps en acier inoxydable \u00e0 deux niveaux, tr\u00e8s profil\u00e9s, partant du cockpit et entourant le p\u00e9rim\u00e8tre avant<br \/>\nZone arri\u00e8re con\u00e7ue avec des canons pleins<br \/>\nBarres d&rsquo;appui suppl\u00e9mentaires le long des c\u00f4t\u00e9s du flybridge<br \/>\nCompartiment du tableau arri\u00e8re avec porte d&rsquo;annexe \u00e0 charni\u00e8re \u00e9lectro-hydraulique, rouleaux de guidage de l&rsquo;annexe et treuil \u00e9lectrique pour l&rsquo;annexe Compartiment de l&rsquo;annexe moul\u00e9 dans le tableau arri\u00e8re Taquets d&rsquo;amarrage \u00e0 corne en acier inoxydable de 14 pouces dans tout le bateau et treuil \u00e9lectrique pour l&rsquo;annexe<br \/>\nCompartiment pour l&rsquo;annexe moul\u00e9 dans le tableau arri\u00e8re<br \/>\nTaquets \u00e0 corne en acier inoxydable de 14&Prime; dans tout le bateau<br \/>\nStore de cockpit \u00e9lectrique r\u00e9tractable \u00e0 distance de 24 volts avec tissu Sunbrella<\/p>\n<p>&nbsp;<\/p>\n<p>Int\u00e9rieur de la cabine<br \/>\nSalon ouvert<br \/>\nCuisine \u00e0 l&rsquo;arri\u00e8re, c\u00f4t\u00e9 b\u00e2bord<br \/>\nCanap\u00e9 sectionnel en L \u00e0 tribord<br \/>\nCanap\u00e9 sectionnel en U \u00e0 b\u00e2bord Centre de divertissement \u00e0 b\u00e2bord<br \/>\nCentre de divertissement \u00e0 tribord<br \/>\nCouchette principale \u00e0 l&rsquo;arri\u00e8re avec couchette king-size de type \u00eele et salle de bain attenante<br \/>\nCouchette VIP \u00e0 l&rsquo;avant avec couchette queen-size de type \u00eele et salle de bain attenante\/partag\u00e9e<br \/>\nCouchette invit\u00e9s \u00e0 tribord avec deux couchettes jumeaux<br \/>\nArmoires et boiseries en noyer fonc\u00e9 \u00e0 finition brillante<br \/>\nFen\u00eatres fixes et ouvrantes \u00e9lectriques, teint\u00e9es et tremp\u00e9es<br \/>\nMat\u00e9riau du pavillon en vinyle textur\u00e9<br \/>\nRev\u00eatement mural en similicuir et tissu textur\u00e9<br \/>\nPlancher de style berb\u00e8re blanc cass\u00e9, coup\u00e9 sur mesure avec surpiq\u00fbres ou reliure<br \/>\nPlans de travail en marbre blanc poli et noyer fleuri<\/p>\n<p>&nbsp;<\/p>\n<p>Syst\u00e8mes et \u00e9quipements<br \/>\nLuminaires LED 24 volts CC dans tout le bateau<br \/>\nLe syst\u00e8me de chauffage, de ventilation et de climatisation comprend :<br \/>\nUn (1) compresseur \u00e0 distance Dometic Marine Air Systems de 36 000 BTU avec commandes num\u00e9riques<\/p>\n<p>Deux (2) unit\u00e9s de compresseur \u00e0 distance Dometic Marine Air Systems 12,000 BTU avec commandes num\u00e9riques<br \/>\nDeux (2) unit\u00e9s de compresseur \u00e0 distance Dometic Marine Air Systems 16,000 BTU avec commandes num\u00e9riques<br \/>\nUne (1) unit\u00e9 de compresseur \u00e0 distance Dometic Marine Air Systems 6, 000 BTU avec commandes num\u00e9riques<br \/>\nUnit\u00e9s d&rsquo;air \u00e9quip\u00e9es d&rsquo;un cycle invers\u00e9 pour le chauffage<br \/>\nDeux (2) unit\u00e9s de lavage et de s\u00e9chage Bosch 800 Series<br \/>\nSyst\u00e8me d&rsquo;aspirateur central avec tuyau et accessoires<\/p>\n<p>&nbsp;<\/p>\n<p>\u00c9quipement de la cuisine<br \/>\nUn (1) r\u00e9frig\u00e9rateur\/cong\u00e9lateur pleine grandeur mont\u00e9 dans le comptoir avec machine \u00e0 gla\u00e7ons int\u00e9gr\u00e9e<br \/>\nMachine \u00e0 gla\u00e7ons Vitrifrigo en acier inoxydable<br \/>\nCong\u00e9lateur int\u00e9gr\u00e9 \u00e0 l&rsquo;unit\u00e9 de r\u00e9frig\u00e9ration<br \/>\n\u00c9quipement de la cuisine Euro- Kera Trident quatre (4) br\u00fbleurs \u00e9lectriques 220 volts avec commande tactile et table de cuisson en vitroc\u00e9ramique<br \/>\nCombinaison four \u00e0 convection et micro-ondes Miele en acier inoxydable<br \/>\nMicro-ondes encastr\u00e9 int\u00e9gr\u00e9 au four<br \/>\n\u00c9lectronique et \u00e9quipement de navigation<br \/>\nDeux (2) \u00e9crans de navigation multifonctions Garmin GPSMAP 8616xsv 16&Prime; \u00e0 la barre inf\u00e9rieure. Deux (2) \u00e9crans de navigation multifonctions Garmin GPSMAP 8616xsv 16&Prime; \u00e0 la barre inf\u00e9rieure<br \/>\nDeux (2) \u00e9crans de navigation multifonctions Garmin GPSMAP 8616xsv 16&Prime; \u00e0 la barre sup\u00e9rieure<br \/>\nDeux (2) radios VHF Garmin GHS11 avec microphones c\u00e2bl\u00e9s \u00e0 distance \u00e0 la barre<br \/>\nReli\u00e9es au traceur de cartes GPS ou \u00e9quip\u00e9es d&rsquo;un GPS interne pour la fonction d&rsquo;appel DSC<br \/>\nRadar marin de 72 miles avec radar \u00e0 antenne ouverte mile avec antenne radar open array<br \/>\nInt\u00e9gr\u00e9 au(x) traceur(s) de cartes<br \/>\nDeux (2) \u00e9crans num\u00e9riques de profondeur Garmin GMI-20<br \/>\nDeux (2) unit\u00e9s de pilotage automatique Garmin GHC-20<br \/>\nHaut-parleur d&rsquo;appel int\u00e9gr\u00e9 aux deux radios VHF<\/p>\n<p>&nbsp;<\/p>\n<p>\u00c9quipement audio\/vid\u00e9o<\/p>\n<p>\u00c9quipement audiovisuel<br \/>\nUn (1) t\u00e9l\u00e9viseur haute d\u00e9finition LCD\/LED de 50 pouces dans le salon avec lecteur DVD s\u00e9par\u00e9<br \/>\nUn (1) t\u00e9l\u00e9viseur haute d\u00e9finition LCD\/LED de 40 pouces dans la cabine principale avec lecteur DVD s\u00e9par\u00e9<br \/>\nUn (1) t\u00e9l\u00e9viseur haute d\u00e9finition LCD\/LED de 36 pouces dans la cabine VIP avec lecteur DVD s\u00e9par\u00e9<br \/>\nUn (1) t\u00e9l\u00e9viseur haute d\u00e9finition LCD\/LED de 36 pouces dans la cabine des invit\u00e9s avec lecteur DVD s\u00e9par\u00e9 Trois (3) lecteurs AM\/FM\/m\u00e9dia Fusion Apollo MS-RA770 avec fonctions SiriusXM et Bluetooth Deux (2) lecteurs Fusion MS-AV770 avec fonctions SiriusXM et Bluetooth haute d\u00e9finition dans la cabine des invit\u00e9s avec lecteur DVD s\u00e9par\u00e9<br \/>\nTrois (3) lecteurs AM\/FM\/m\u00e9dia Fusion Apollo MS-RA770 avec fonctions SiriusXM et Bluetooth<br \/>\nDeux (2) lecteurs radio satellite st\u00e9r\u00e9o\/CD\/DVD Fusion MS-AV750<br \/>\nUne (1) t\u00e9l\u00e9commande Fusion MS-NRX300 situ\u00e9e dans le cockpit<br \/>\nDouze (12) haut-parleurs dans tout le bateau<\/p>\n<p>&nbsp;<\/p>\n<p>Syst\u00e8mes de carburant<br \/>\nDeux (2) r\u00e9servoirs de carburant, 429 gallons chacun<br \/>\nTuyau flexible renforc\u00e9 adapt\u00e9 au service diesel<br \/>\nDeux (2) filtres \u00e0 carburant\/s\u00e9parateurs d&rsquo;eau de type canister m\u00e9tallique scell\u00e9 \u00e0 visser MAN avec capteurs d&rsquo;accumulation d&rsquo;eau<br \/>\nUn (1) filtre \u00e0 carburant\/s\u00e9parateur d&rsquo;eau Separ 510<\/p>\n<p>&nbsp;<\/p>\n<p>Syst\u00e8mes de direction<br \/>\nDirection assist\u00e9e \u00e9lectro-hydraulique 24 volts \u00e0 deux postes<br \/>\nTuyaux flexibles renforc\u00e9s avec raccords m\u00e9talliques<br \/>\nJoints d&rsquo;arbre de gouvernail sans \u00e9gouttement<br \/>\nPropulseurs d&rsquo;\u00e9trave et de poupe Sleipner Side-Power 24 volts<br \/>\nSyst\u00e8mes \u00e9lectriques &#8211; CC et CA<\/p>\n<p>Syst\u00e8mes \u00e9lectriques CC :<\/p>\n<p>Syst\u00e8me 24 volts<br \/>\nQuatre (4) batteries plomb-acide inond\u00e9es du groupe 8D pour les syst\u00e8mes domestique, de d\u00e9marrage, de propulseur et de guindeau<br \/>\nSyst\u00e8me 12 volts<br \/>\nUne (1) batterie plomb-acide inond\u00e9e du groupe 31 pour le g\u00e9n\u00e9rateur<br \/>\nQuatre (4) interrupteurs de batterie avec sol\u00e9no\u00efdes d&rsquo;excitation situ\u00e9s dans le tableau \u00e9lectrique principal et la salle des machines<br \/>\nDisjoncteur CC principal install\u00e9 dans le tableau de disjoncteurs CC de la console principale<\/p>\n<p>Protection par fusible du bus principal situ\u00e9e au-dessus des batteries dans la cale arri\u00e8re<br \/>\nDisjoncteurs de d\u00e9rivation CC situ\u00e9s dans :<br \/>\nPanneau \u00e9lectrique du salon principal<\/p>\n<p>&nbsp;<\/p>\n<p>Salle des machines<br \/>\nSous le poste de pilotage<br \/>\nChargeur de batterie Mastervolt Chargemaster 24\/60-3 &#8211; 24 volts \/ 60 amp\u00e8res<br \/>\nDeux (2) alternateurs principaux de 24 volts mont\u00e9s sur le moteur et entra\u00een\u00e9s par courroie<\/p>\n<p>Syst\u00e8mes \u00e9lectriques CA :<\/p>\n<p>Une (1) prise de courant de quai de 50 amp\u00e8res, 240 volts @ 60 Hz<br \/>\nR\u00e9ceptacle du navire en acier inoxydable poli<br \/>\nSyst\u00e8me de c\u00e2ble r\u00e9tractable Glendinning Cablemaster \u00e0 c\u00e2blage fixe, actionn\u00e9 par 24 volts<br \/>\nDisjoncteurs CA principaux situ\u00e9s dans le panneau \u00e9lectrique de la salle des machines<br \/>\nDisjoncteurs de d\u00e9rivation CA situ\u00e9s dans le panneau \u00e9lectrique CA de la cabine principale<br \/>\nIndicateurs de tension et d&rsquo;amp\u00e9rage CA dans le panneau \u00e9lectrique CA principal<br \/>\nDisjoncteurs d&rsquo;alimentation individuels avec charges divis\u00e9es dans le panneau \u00e9lectrique principal<br \/>\nTransformateur d&rsquo;isolation Iso-Boost 50 amp\u00e8res d&rsquo;Energy Solutions<br \/>\nSyst\u00e8mes d&rsquo;alimentation en eau<\/p>\n<p>Syst\u00e8me d&rsquo;eau douce :<\/p>\n<p>R\u00e9servoir d&rsquo;eau douce en poly\u00e9thyl\u00e8ne rotomoul\u00e9 d&rsquo;une capacit\u00e9 de 159 gallons<br \/>\nUne (1) pompe \u00e0 eau douce automatique pressuris\u00e9e \u00e0 membrane de 24 volts<br \/>\nTuyaux en plastique rouge et bleu de type PEX et tuyaux en caoutchouc<br \/>\nRaccordement pour tuyau d&rsquo;arrosage situ\u00e9 sur l&rsquo;aile b\u00e2bord du tableau arri\u00e8re<\/p>\n<p>Syst\u00e8me d&rsquo;eau chaude :<\/p>\n<p>Chauffe-eau de 39 gallons<br \/>\nUnit\u00e9 de chauffage \u00e9lectrique de 24 volts<\/p>\n<p>Syst\u00e8me d&rsquo;eau noire :<\/p>\n<p>Trois (3) toilettes \u00e9lectriques Planus de 12 volts avec alimentation en eau douce<br \/>\nSyst\u00e8me d&rsquo;\u00e9vacuation MSD de type III<br \/>\nR\u00e9servoir d&rsquo;eaux noires d&rsquo;environ 50 gallons en poly\u00e9thyl\u00e8ne<br \/>\nPompe d&rsquo;\u00e9vacuation \u00e0 la mer de 24 volts<br \/>\nDeux (2) vannes en Y pour l&rsquo;\u00e9vacuation directe \u00e0 la mer \u00e0 partir des toilettes<\/p>\n<p>&nbsp;<\/p>\n<p><strong><span style=\"color: black;\">AVIS DE NON-RESPONSABILIT\u00c9<\/span><\/strong><\/p>\n<p><strong><span style=\"color: black; font-weight: normal;\">Le bateau qui est pr\u00e9sent\u00e9 sur cette page, l\u2019est uniquement \u00e0 titre d\u2019information et n\u2019est pas n\u00e9cessairement toujours disponible \u00e0 la vente et\/ou \u00e0 la location.<\/span><\/strong><span class=\"apple-converted-space\"><b><span style=\"color: black;\">\u00a0<\/span><\/b><\/span><strong><span style=\"color: black; font-weight: normal;\">Ce bateau est peut-\u00eatre offert sous r\u00e9serve, il faut v\u00e9rifier sa disponibilit\u00e9.<\/span><\/strong><span class=\"apple-converted-space\"><b><span style=\"color: black;\">\u00a0<\/span><\/b><\/span><strong><span style=\"color: black; font-weight: normal;\">\u00a0Ce document ou cette annonce n\u2019est pas contractuel. Les informations sur les bateaux affich\u00e9es dans les r\u00e9sultats ci-dessus sont pr\u00e9sent\u00e9es en toute bonne foi et, bien qu\u2019elles soient consid\u00e9r\u00e9es comme correctes, elles ne sont pas garanties. Ita Yachts Canada ne garantit pas et n\u2019assume aucune responsabilit\u00e9 l\u00e9gale ou responsabilit\u00e9 pour l\u2019exactitude, l\u2019exhaustivit\u00e9 ou l\u2019utilit\u00e9 des informations et\/ou des images affich\u00e9es, car elles peuvent ne pas \u00eatre \u00e0 jour ou encore \u00eatres des images d\u2019un bateau comparable. Toutes les informations sur les bateaux peuvent \u00eatre modifi\u00e9es sans pr\u00e9avis et sont sans garantie.<\/span><\/strong><span class=\"apple-converted-space\"><b><span style=\"color: black;\">\u00a0<\/span><\/b><\/span><strong><span style=\"color: black; font-weight: normal;\">Ce bateau est peut-\u00eatre offert par un autre courtier ouvert au co-courtage (co-brokerage).<\/span><\/strong><\/p>\n<p>&nbsp;<\/p>\n<div data-test='contact-form'\n\t\t\tid='contact-form-269035'\n\t\t\tclass='jetpack-contact-form-container '\n\t\t\tdata-wp-interactive='jetpack\/form' data-wp-context='{\"formId\":\"269035\",\"formHash\":\"276dee3ea38b60634aa8d0ea1602fae6033048fb\",\"showErrors\":false,\"errors\":[],\"fields\":[],\"isMultiStep\":false,\"useAjax\":false,\"submissionData\":null,\"formattedSubmissionData\":[],\"submissionSuccess\":false,\"submissionError\":null,\"elementId\":\"jp-form-276dee3ea38b60634aa8d0ea1602fae6033048fb\",\"isSingleInputForm\":false,\"isForcedHorizontal\":false}'\n\t\t\tdata-wp-watch--scroll-to-wrapper=\"callbacks.scrollToWrapper\"\n\t\t>\n<div class=\"contact-form-submission contact-form-ajax-submission\" data-wp-bind--aria-hidden=\"state.isSuccessMessageAriaHidden\" data-wp-class--submission-success=\"context.submissionSuccess\" id=\"contact-form-success-276dee3ea38b60634aa8d0ea1602fae6033048fb\" tabindex=\"-1\" aria-labelledby=\"contact-form-success-header-276dee3ea38b60634aa8d0ea1602fae6033048fb\"><p class=\"go-back-message\"><a class=\"link\" role=\"button\" tabindex=\"0\" data-wp-on--click=\"actions.goBack\" href=\"\/fr\/wp-json\/wp\/v2\/listing\/269035\">\u2190 Retour<\/a><\/p><h4 data-wp-bind--aria-hidden=\"state.isSuccessMessageAriaHidden\" id=\"contact-form-success-header-276dee3ea38b60634aa8d0ea1602fae6033048fb\">Merci pour votre r\u00e9ponse. \u2728<\/h4>\n\n<template data-wp-each--submission=\"context.formattedSubmissionData\">\n\t\t\t\t\t<div class=\"jetpack_forms_contact-form-success-summary\">\n\t\t\t\t\t\t<div class=\"field-name-wrapper\">\n\t\t\t\t\t\t\t<div class=\"field-type-icon\" data-wp-watch=\"callbacks.watchFieldTypeIcon\"><\/div>\n\t\t\t\t\t\t\t<div class=\"field-name\" data-wp-text=\"context.submission.label\" data-wp-bind--hidden=\"!context.submission.label\"><\/div>\n\t\t\t\t\t\t<\/div>\n\t\t\t\t\t\t<div class=\"field-value\" data-wp-text=\"context.submission.value\" data-wp-bind--hidden=\"!context.submission.showPlainValue\"><\/div>\n\t\t\t\t\t\t<a class=\"field-url\" data-wp-bind--href=\"context.submission.url\" data-wp-text=\"context.submission.value\" data-wp-bind--hidden=\"!context.submission.url\" target=\"_blank\" rel=\"noopener noreferrer\"><\/a>\n\t\t\t\t\t\t<div class=\"field-rating\" data-wp-bind--hidden=\"!context.submission.rating\" data-wp-watch=\"callbacks.watchRatingIcons\"><\/div>\n\t\t\t\t\t\t<div class=\"field-images\" data-wp-bind--hidden=\"!context.submission.images\">\n\t\t\t\t\t\t\t<template data-wp-each--image=\"context.submission.images\">\n\t\t\t\t\t\t\t\t<div class=\"field-image-option\" data-wp-class--is-empty=\"!context.image.src\">\n\t\t\t\t\t\t\t\t\t<figure class=\"field-image-option__image\" data-wp-class--is-empty=\"!context.image.src\">\n\t\t\t\t\t\t\t\t\t\t<img data-wp-bind--src=\"context.image.src\" data-wp-bind--hidden=\"!context.image.src\" \/>\n\t\t\t\t\t\t\t\t\t\t<img decoding=\"async\" src=\"data:image\/gif;base64,R0lGODlhAQABAAD\/ACwAAAAAAQABAAACADs=\" data-wp-bind--hidden=\"context.image.src\" \/>\n\t\t\t\t\t\t\t\t\t<\/figure>\n\t\t\t\t\t\t\t\t\t<div class=\"field-image-option__label-wrapper\">\n\t\t\t\t\t\t\t\t\t\t<span class=\"field-image-option__label-code\" data-wp-text=\"context.image.letterCode\"><\/span>\n\t\t\t\t\t\t\t\t\t\t<span class=\"field-image-option__label\" data-wp-text=\"context.image.label\" data-wp-bind--hidden=\"!context.image.label\"><\/span>\n\t\t\t\t\t\t\t\t\t<\/div>\n\t\t\t\t\t\t\t\t<\/div>\n\t\t\t\t\t\t\t<\/template>\n\t\t\t\t\t\t<\/div>\n\t\t\t\t\t\t<div class=\"field-files\" data-wp-bind--hidden=\"!context.submission.files\">\n\t\t\t\t\t\t\t<template data-wp-each--file=\"context.submission.files\">\n\t\t\t\t\t\t\t\t<div class=\"field-file\">\n\t\t\t\t\t\t\t\t\t<div class=\"field-file__thumbnail\" data-wp-style--background-image=\"context.file.previewUrl\" data-wp-style--mask-image=\"context.file.iconUrl\" data-wp-bind--hidden=\"!context.file.hasPreview\"><\/div>\n\t\t\t\t\t\t\t\t\t<svg class=\"field-file__icon\" data-wp-bind--hidden=\"context.file.hasPreview\" width=\"20\" height=\"20\" viewBox=\"0 0 24 24\" fill=\"none\" xmlns=\"http:\/\/www.w3.org\/2000\/svg\" aria-hidden=\"true\">\n\t\t\t\t\t\t\t\t\t\t<path d=\"M14 2H6C4.9 2 4 2.9 4 4V20C4 21.1 4.89 22 5.99 22H18C19.1 22 20 21.1 20 20V8L14 2ZM18 20H6V4H13V9H18V20Z\" fill=\"currentColor\"\/>\n\t\t\t\t\t\t\t\t\t<\/svg>\n\t\t\t\t\t\t\t\t\t<span class=\"field-file__name\" data-wp-text=\"context.file.name\"><\/span>\n\t\t\t\t\t\t\t\t\t<span class=\"field-file__size\" data-wp-text=\"context.file.size\"><\/span>\n\t\t\t\t\t\t\t\t<\/div>\n\t\t\t\t\t\t\t<\/template>\n\t\t\t\t\t\t<\/div>\n\t\t\t\t\t<\/div>\n\t\t\t\t<\/template><\/div><form action='https:\/\/itayachtscanada.com\/fr\/listing\/princess-s62-2021-2299000-usd-for-sale\/'\n\t\t\t\tid='jp-form-276dee3ea38b60634aa8d0ea1602fae6033048fb'\n\t\t\t\tmethod='post'\n\t\t\t\tclass='contact-form commentsblock jetpack-contact-form__form has-no-jetpack-form-layout' aria-label=\"{:en}Princess S62 2021 $2,199,000 usd for sale{:}{:fr}Princess S62 2021 $2,199,000 usd \u00e0 vendre{:}\"\n\t\t\t\tdata-wp-on--submit=\"actions.onFormSubmit\"\n\t\t\t\tdata-wp-on--reset=\"actions.onFormReset\"\n\t\t\t\tdata-wp-class--submission-success=\"context.submissionSuccess\"\n\t\t\t\tdata-wp-class--is-first-step=\"state.isFirstStep\"\n\t\t\t\tdata-wp-class--is-last-step=\"state.isLastStep\"\n\t\t\t\tdata-wp-class--is-ajax-form=\"context.useAjax\"\n\t\t\t\tnovalidate >\n<input type='hidden' name='jetpack_contact_form_jwt' value='eyJ0eXAiOiJKV1QiLCJhbGciOiJIUzI1NiJ9.eyJlbmNyeXB0ZWRfYXR0cmlidXRlcyI6Im9xNW1WTHNGQU8rMzBvTlp0ejdsSk81eDlkMnBiUGRpbUM5TDBwWHdPWEh5a3JPT3VjTC8raWxmSFRQKy9ULytxalV1NzA4Q0NJTldUSGJKMVNmVjRSa2ZvWGtQNVJQd1JQTjZiWEd0UExtR1VJdHpXSUVUNnFwSjRMcWR5Y2R6SFBGZnRYT2ZIaFkyMXlvbHBIYVFqcHU2WnFaVDNXbHVsZWNYSkxWTVpORDE2TStUOXB2bHZSSnhjb1Y4V1hkRmFtM3ZQL2ZUVFliVlFkYjJSUS9FdkloSTR3NldqU0ZUUHJYc1pKai9oZU4rRlI0SDJvNitSTnNzYjAwcmdiam5FTGdZVVhyTkFVTlhROGpxU2hTRjZ3TElEb1hGZ0lSVG9tSlhjSFdTWTRranFPMjFydEl1WGJiaW1HSGdzaHRDY0JVYmJNZmFiQWRJOEFjTVhNMHhGRzA1OUxVTDJxL1ZGTWJKWTk4eTdvQmJzTFhjOVpDK3pZNll5bjhJOGtBT0w4QlB6Q1lQc0kwRFg5R1Y1K2trOGtMb2tlcHU4Rm02KzZReFpjZjMrdEVDME8xdEh4QmtaV0laVnUrRkJwYlZBTjVHWmwva1V6QWs1YithR2cyYWFiM2phZFMvNFN2ekFHVERvMFBQaWR3YzhybndYaWZ0Nm1pclRJMFg4VGZrSVg4STJ5RFNoNzVMaGw0dmFGTEY0cUtocGhFMmcvdEp2ZDRXcmxUSGh1ZFMwWE1pRzVtMXh0dWhIWElHalBxck1BQW50NTBxVEZxTjRPc1FmV3ExdVI0L1dSTXVvN1A3ZmU5N1EvZ25hSzJKblJHdGxjcnkrd1h4M2U5ZXFRVnlXT2YyQ0JhSlFqRzdyTlUyK0Y4ZXJhYTRQSGRZSEIyZmxVMkJEQkxPVWN1a3FBODdzWGF4d3gxTlVBT3BWbnIwSlNJeXFoTE1nNkF6VWl4cjhlRWFiS3hmT3h3djNMWUx2Nm1aREpXMmdIUWs1c3R1VndVKzVVcmwyZkEvYnFNN0hwTVZBZ0NjSUtwR3FZaXZ0eWNzYmxzRkJXUmpwdUlFQVllamxRUDRBNzdHSmhqVU0vNytyRFNzbEFiQ2ZJdXJMYWF3b3oyOCtscU9ZeXFDRGFBTHBvZmNRb2FUTGo5aXdKd3NYNlJmZFlBZHVJckFrWS9KNWErRTFIdTZNU3B5OHJwdGpWajRYYnE1UlhFdHF0c3R0TGExbVhCRGVMdmt3NXpDSGJDN3JFTlhQNHBWN0FzM1k2V2tOYXE2bUs0Mk1rUDFkQjlWcUdFZ2V6T09rNUVEOElNMXRPMHk4UUtOYW5tVHM0TnNoaUVXUVRRa0RCZmE2dGU3aG93clUwTmFVUjJpdnMwdkZTbWU3SkFPR1NoMXJ0VGhhVlg1M1JKcSIsImNvbnRlbnQiOiJbY29udGFjdC1maWVsZCBsYWJlbD1cIk5vbVwiIHR5cGU9XCJuYW1lXCIgcmVxdWlyZWQ9XCIxXCJdW2NvbnRhY3QtZmllbGQgbGFiZWw9XCJFLW1haWxcIiB0eXBlPVwiZW1haWxcIiByZXF1aXJlZD1cIjFcIl1bY29udGFjdC1maWVsZCBsYWJlbD1cIkF1IHN1amV0IGRlIGNlIHlhY2h0OlwiIHR5cGU9XCJ0ZXh0XCJdW2NvbnRhY3QtZmllbGQgbGFiZWw9XCJNZXNzYWdlXCIgdHlwZT1cInRleHRhcmVhXCJdIiwiaGFzaCI6IjI3NmRlZTNlYTM4YjYwNjM0YWE4ZDBlYTE2MDJmYWU2MDMzMDQ4ZmIiLCJzb3VyY2UiOnsiZW50cnlfdGl0bGUiOiJQcmluY2VzcyBTNjIgMjAyMSAkMiwxOTksMDAwIHVzZCBcdTAwZTAgdmVuZHJlIiwiZW50cnlfcGFnZSI6MSwic291cmNlX2lkIjoyNjkwMzUsInNvdXJjZV90eXBlIjoic2luZ2xlIiwicmVxdWVzdF91cmwiOiJodHRwczovL2l0YXlhY2h0c2NhbmFkYS5jb20vZnIvd3AtanNvbi93cC92Mi9saXN0aW5nLzI2OTAzNSJ9LCJ2ZXJzaW9uIjoyLCJjaXBoZXIiOiJhZXMtMjU2LWdjbSJ9.TDZOVutOZHJSXAXs9JeNMnyOVGBLnWfeqHmqZ1L-_Zc' \/>\n\n<div style=\"\"  data-wp-interactive=\"jetpack\/form\" data-wp-context='{\"fieldId\":\"g269035-nom\",\"fieldType\":\"name\",\"fieldLabel\":\"Nom\",\"fieldValue\":\"\",\"fieldPlaceholder\":\"\",\"fieldIsRequired\":\"1\",\"fieldErrorMessage\":\"\",\"fieldExtra\":[],\"formHash\":\"276dee3ea38b60634aa8d0ea1602fae6033048fb\"}'  class='grunion-field-name-wrap grunion-field-wrap'  data-wp-init='callbacks.initializeField' data-wp-on--jetpack-form-reset='callbacks.initializeField' >\n<label\n\t\t\t\tfor='g269035-nom' class=\"grunion-field-label name\" >Nom<span class=\"grunion-label-required\" aria-hidden=\"true\">(obligatoire)<\/span><\/label>\n<input\n\t\t\t\t\ttype='text'\n\t\t\t\t\tname='g269035-nom'\n\t\t\t\t\tid='g269035-nom'\n\t\t\t\t\tvalue=''\n\n\t\t\t\t\tdata-wp-bind--aria-invalid='state.fieldAriaInvalid'\n\t\t\t\t\tdata-wp-bind--value='state.getFieldValue'\n\t\t\t\t\taria-describedby='g269035-nom-text-error-message'\n\t\t\t\t\tdata-wp-on--input='actions.onFieldChange'\n\t\t\t\t\tdata-wp-on--blur='actions.onFieldBlur'\n\t\t\t\t\tdata-wp-class--has-value='state.hasFieldValue'\n\n\t\t\t\t\tclass='name  grunion-field' \n\t\t\t\t\trequired='true' aria-required='true'  \/>\n \n\t\t\t<div id=\"g269035-nom-text-error\" class=\"contact-form__input-error\" data-wp-class--has-errors=\"state.fieldHasErrors\">\n\t\t\t\t<span class=\"contact-form__warning-icon\" aria-hidden=\"true\">\n\t\t\t\t\t<svg width=\"16\" height=\"16\" viewBox=\"0 0 16 16\" fill=\"none\" xmlns=\"http:\/\/www.w3.org\/2000\/svg\">\n\t\t\t\t\t\t<path d=\"M8.50015 11.6402H7.50015V10.6402H8.50015V11.6402Z\" \/>\n\t\t\t\t\t\t<path d=\"M7.50015 9.64018H8.50015V6.30684H7.50015V9.64018Z\" \/>\n\t\t\t\t\t\t<path fill-rule=\"evenodd\" clip-rule=\"evenodd\" d=\"M6.98331 3.0947C7.42933 2.30177 8.57096 2.30177 9.01698 3.09469L13.8771 11.7349C14.3145 12.5126 13.7525 13.4735 12.8602 13.4735H3.14004C2.24774 13.4735 1.68575 12.5126 2.12321 11.7349L6.98331 3.0947ZM8.14541 3.58496C8.08169 3.47168 7.9186 3.47168 7.85488 3.58496L2.99478 12.2251C2.93229 12.3362 3.01257 12.4735 3.14004 12.4735H12.8602C12.9877 12.4735 13.068 12.3362 13.0055 12.2251L8.14541 3.58496Z\" \/>\n\t\t\t\t\t<\/svg>\n\t\t\t\t<\/span>\n\t\t\t\t<span data-wp-text=\"state.errorMessage\" id=\"g269035-nom-text-error-message\"><\/span>\n\t\t\t<\/div> \n\t<\/div>\n\n<div style=\"\"  data-wp-interactive=\"jetpack\/form\" data-wp-context='{\"fieldId\":\"g269035-email\",\"fieldType\":\"email\",\"fieldLabel\":\"E-mail\",\"fieldValue\":\"\",\"fieldPlaceholder\":\"\",\"fieldIsRequired\":\"1\",\"fieldErrorMessage\":\"\",\"fieldExtra\":[],\"formHash\":\"276dee3ea38b60634aa8d0ea1602fae6033048fb\"}'  class='grunion-field-email-wrap grunion-field-wrap'  data-wp-init='callbacks.initializeField' data-wp-on--jetpack-form-reset='callbacks.initializeField' >\n<label\n\t\t\t\tfor='g269035-email' class=\"grunion-field-label email\" >E-mail<span class=\"grunion-label-required\" aria-hidden=\"true\">(obligatoire)<\/span><\/label>\n<input\n\t\t\t\t\ttype='email'\n\t\t\t\t\tname='g269035-email'\n\t\t\t\t\tid='g269035-email'\n\t\t\t\t\tvalue=''\n\n\t\t\t\t\tdata-wp-bind--aria-invalid='state.fieldAriaInvalid'\n\t\t\t\t\tdata-wp-bind--value='state.getFieldValue'\n\t\t\t\t\taria-describedby='g269035-email-email-error-message'\n\t\t\t\t\tdata-wp-on--input='actions.onFieldChange'\n\t\t\t\t\tdata-wp-on--blur='actions.onFieldBlur'\n\t\t\t\t\tdata-wp-class--has-value='state.hasFieldValue'\n\n\t\t\t\t\tclass='email  grunion-field' \n\t\t\t\t\trequired='true' aria-required='true'  \/>\n \n\t\t\t<div id=\"g269035-email-email-error\" class=\"contact-form__input-error\" data-wp-class--has-errors=\"state.fieldHasErrors\">\n\t\t\t\t<span class=\"contact-form__warning-icon\" aria-hidden=\"true\">\n\t\t\t\t\t<svg width=\"16\" height=\"16\" viewBox=\"0 0 16 16\" fill=\"none\" xmlns=\"http:\/\/www.w3.org\/2000\/svg\">\n\t\t\t\t\t\t<path d=\"M8.50015 11.6402H7.50015V10.6402H8.50015V11.6402Z\" \/>\n\t\t\t\t\t\t<path d=\"M7.50015 9.64018H8.50015V6.30684H7.50015V9.64018Z\" \/>\n\t\t\t\t\t\t<path fill-rule=\"evenodd\" clip-rule=\"evenodd\" d=\"M6.98331 3.0947C7.42933 2.30177 8.57096 2.30177 9.01698 3.09469L13.8771 11.7349C14.3145 12.5126 13.7525 13.4735 12.8602 13.4735H3.14004C2.24774 13.4735 1.68575 12.5126 2.12321 11.7349L6.98331 3.0947ZM8.14541 3.58496C8.08169 3.47168 7.9186 3.47168 7.85488 3.58496L2.99478 12.2251C2.93229 12.3362 3.01257 12.4735 3.14004 12.4735H12.8602C12.9877 12.4735 13.068 12.3362 13.0055 12.2251L8.14541 3.58496Z\" \/>\n\t\t\t\t\t<\/svg>\n\t\t\t\t<\/span>\n\t\t\t\t<span data-wp-text=\"state.errorMessage\" id=\"g269035-email-email-error-message\"><\/span>\n\t\t\t<\/div> \n\t<\/div>\n\n<div style=\"\"  data-wp-interactive=\"jetpack\/form\" data-wp-context='{\"fieldId\":\"g269035-ausujetdeceyacht\",\"fieldType\":\"text\",\"fieldLabel\":\"Au sujet de ce yacht:\",\"fieldValue\":\"\",\"fieldPlaceholder\":\"\",\"fieldIsRequired\":\"\",\"fieldErrorMessage\":\"\",\"fieldExtra\":[],\"formHash\":\"276dee3ea38b60634aa8d0ea1602fae6033048fb\"}'  class='grunion-field-text-wrap grunion-field-wrap'  data-wp-init='callbacks.initializeField' data-wp-on--jetpack-form-reset='callbacks.initializeField' >\n<label\n\t\t\t\tfor='g269035-ausujetdeceyacht' class=\"grunion-field-label text\" >Au sujet de ce yacht:<\/label>\n<input\n\t\t\t\t\ttype='text'\n\t\t\t\t\tname='g269035-ausujetdeceyacht'\n\t\t\t\t\tid='g269035-ausujetdeceyacht'\n\t\t\t\t\tvalue=''\n\n\t\t\t\t\tdata-wp-bind--aria-invalid='state.fieldAriaInvalid'\n\t\t\t\t\tdata-wp-bind--value='state.getFieldValue'\n\t\t\t\t\taria-describedby='g269035-ausujetdeceyacht-text-error-message'\n\t\t\t\t\tdata-wp-on--input='actions.onFieldChange'\n\t\t\t\t\tdata-wp-on--blur='actions.onFieldBlur'\n\t\t\t\t\tdata-wp-class--has-value='state.hasFieldValue'\n\n\t\t\t\t\tclass='text  grunion-field' \n\t\t\t\t\t \/>\n \n\t\t\t<div id=\"g269035-ausujetdeceyacht-text-error\" class=\"contact-form__input-error\" data-wp-class--has-errors=\"state.fieldHasErrors\">\n\t\t\t\t<span class=\"contact-form__warning-icon\" aria-hidden=\"true\">\n\t\t\t\t\t<svg width=\"16\" height=\"16\" viewBox=\"0 0 16 16\" fill=\"none\" xmlns=\"http:\/\/www.w3.org\/2000\/svg\">\n\t\t\t\t\t\t<path d=\"M8.50015 11.6402H7.50015V10.6402H8.50015V11.6402Z\" \/>\n\t\t\t\t\t\t<path d=\"M7.50015 9.64018H8.50015V6.30684H7.50015V9.64018Z\" \/>\n\t\t\t\t\t\t<path fill-rule=\"evenodd\" clip-rule=\"evenodd\" d=\"M6.98331 3.0947C7.42933 2.30177 8.57096 2.30177 9.01698 3.09469L13.8771 11.7349C14.3145 12.5126 13.7525 13.4735 12.8602 13.4735H3.14004C2.24774 13.4735 1.68575 12.5126 2.12321 11.7349L6.98331 3.0947ZM8.14541 3.58496C8.08169 3.47168 7.9186 3.47168 7.85488 3.58496L2.99478 12.2251C2.93229 12.3362 3.01257 12.4735 3.14004 12.4735H12.8602C12.9877 12.4735 13.068 12.3362 13.0055 12.2251L8.14541 3.58496Z\" \/>\n\t\t\t\t\t<\/svg>\n\t\t\t\t<\/span>\n\t\t\t\t<span data-wp-text=\"state.errorMessage\" id=\"g269035-ausujetdeceyacht-text-error-message\"><\/span>\n\t\t\t<\/div> \n\t<\/div>\n\n<div style=\"\"  data-wp-interactive=\"jetpack\/form\" data-wp-context='{\"fieldId\":\"g269035-message\",\"fieldType\":\"textarea\",\"fieldLabel\":\"Message\",\"fieldValue\":\"\",\"fieldPlaceholder\":\"\",\"fieldIsRequired\":\"\",\"fieldErrorMessage\":\"\",\"fieldExtra\":[],\"formHash\":\"276dee3ea38b60634aa8d0ea1602fae6033048fb\"}'  class='grunion-field-textarea-wrap grunion-field-wrap'  data-wp-init='callbacks.initializeField' data-wp-on--jetpack-form-reset='callbacks.initializeField' >\n<label\n\t\t\t\tfor='contact-form-comment-g269035-message' class=\"grunion-field-label textarea\" >Message<\/label>\n<textarea\n\t\t                style=''\n\t\t                name='g269035-message'\n\t\t                id='contact-form-comment-g269035-message'\n\t\t                rows='20'\n\t\t\t\t\t\tdata-wp-text='state.getFieldValue'\n\t\t\t\t\t\tdata-wp-on--input='actions.onFieldChange'\n\t\t\t\t\t\tdata-wp-on--blur='actions.onFieldBlur'\n\t\t\t\t\t\tdata-wp-class--has-value='state.hasFieldValue'\n\t\t\t\t\t\taria-describedby='g269035-message-textarea-error-message'\n\t\t\t\t\t\tdata-wp-bind--aria-invalid='state.fieldAriaInvalid'\n\t\t\t\t\t\tclass='textarea  grunion-field'  ><\/textarea>\n \n\t\t\t<div id=\"g269035-message-textarea-error\" class=\"contact-form__input-error\" data-wp-class--has-errors=\"state.fieldHasErrors\">\n\t\t\t\t<span class=\"contact-form__warning-icon\" aria-hidden=\"true\">\n\t\t\t\t\t<svg width=\"16\" height=\"16\" viewBox=\"0 0 16 16\" fill=\"none\" xmlns=\"http:\/\/www.w3.org\/2000\/svg\">\n\t\t\t\t\t\t<path d=\"M8.50015 11.6402H7.50015V10.6402H8.50015V11.6402Z\" \/>\n\t\t\t\t\t\t<path d=\"M7.50015 9.64018H8.50015V6.30684H7.50015V9.64018Z\" \/>\n\t\t\t\t\t\t<path fill-rule=\"evenodd\" clip-rule=\"evenodd\" d=\"M6.98331 3.0947C7.42933 2.30177 8.57096 2.30177 9.01698 3.09469L13.8771 11.7349C14.3145 12.5126 13.7525 13.4735 12.8602 13.4735H3.14004C2.24774 13.4735 1.68575 12.5126 2.12321 11.7349L6.98331 3.0947ZM8.14541 3.58496C8.08169 3.47168 7.9186 3.47168 7.85488 3.58496L2.99478 12.2251C2.93229 12.3362 3.01257 12.4735 3.14004 12.4735H12.8602C12.9877 12.4735 13.068 12.3362 13.0055 12.2251L8.14541 3.58496Z\" \/>\n\t\t\t\t\t<\/svg>\n\t\t\t\t<\/span>\n\t\t\t\t<span data-wp-text=\"state.errorMessage\" id=\"g269035-message-textarea-error-message\"><\/span>\n\t\t\t<\/div>\n\t<\/div>\n\t<p class='contact-submit'>\n<div class=\"contact-form__error\" data-wp-class--show-errors=\"state.showFormErrors\"><span class=\"contact-form__warning-icon\" aria-hidden=\"true\"><i><\/i><\/span><span class=\"contact-form__error-message\" tabindex=\"-1\" data-wp-watch=\"callbacks.focusOnValidationError\" data-wp-text=\"state.getFormErrorMessage\"><\/span><ul aria-label=\"Erreurs de formulaire\">\n\t\t\t\t<template data-wp-each=\"state.getErrorList\" data-wp-key=\"context.item.id\">\n\t\t\t\t\t<li><a data-wp-bind--href=\"context.item.anchor\" data-wp-on--click=\"actions.scrollIntoView\" data-wp-text=\"context.item.label\"><\/a><\/li>\n\t\t\t\t<\/template>\n\t\t\t\t<\/ul><\/div><div class=\"contact-form__error\" data-wp-class--show-errors=\"state.showSubmissionError\" data-wp-text=\"context.submissionError\" tabindex=\"-1\" data-wp-watch=\"callbacks.focusOnSubmissionError\"><\/div>\t\t<button type='submit' class='pushbutton-wide'>Envoyer<\/button>\t\t<input type='hidden' name='contact-form-id' value='269035' \/>\n\t\t<input type='hidden' name='action' value='grunion-contact-form' \/>\n\t\t<input type='hidden' name='contact-form-hash' value='276dee3ea38b60634aa8d0ea1602fae6033048fb' \/>\n\t<\/p>\n<p style=\"display: none !important;\" class=\"akismet-fields-container\" data-prefix=\"ak_\"><label>&#916;<textarea name=\"ak_hp_textarea\" cols=\"45\" rows=\"8\" maxlength=\"100\"><\/textarea><\/label><input type=\"hidden\" id=\"ak_js_1\" name=\"ak_js\" value=\"66\"\/><script type=\"text\/javascript\">\n\/* <![CDATA[ *\/\ndocument.getElementById( \"ak_js_1\" ).setAttribute( \"value\", ( new Date() ).getTime() );\n\/* ]]> *\/\n<\/script>\n<\/p><\/form>\n<\/div>\n<p>&nbsp;<\/p>\n<p>&nbsp;<\/p>\n<\/div>\n<\/div>\n","protected":false},"excerpt":{"rendered":"<p>Princess S62 2021 $2,199,000 usd \u00e0 vendre Montez \u00e0 bord du superbe et tr\u00e8s fonctionnel Princess S62, o\u00f9 le luxe rencontre la performance. Ce yacht offre l&rsquo;\u00e9vasion parfaite &#8211; une oasis sur l&rsquo;eau, enti\u00e8rement cl\u00e9 en main et pr\u00eate pour votre prochaine aventure. Propuls\u00e9 par des MAN V8 1200 peu utilis\u00e9s, il est pr\u00eat \u00e0 &hellip; <a href=\"https:\/\/itayachtscanada.com\/fr\/listing\/princess-s62-2021-2299000-usd-for-sale\/\" class=\"more-link\">Lire la suite <span class=\"screen-reader-text\">Princess S62 2021 $2,199,000 usd \u00e0 vendre<\/span> <span class=\"meta-nav\">&rarr;<\/span><\/a><\/p>\n","protected":false},"author":119081455,"featured_media":269045,"parent":0,"menu_order":0,"comment_status":"open","ping_status":"open","template":"","format":"standard","meta":{"_coblocks_attr":"","_coblocks_dimensions":"","_coblocks_responsive_height":"","_coblocks_accordion_ie_support":"","_lmt_disableupdate":"no","_lmt_disable":"no","advanced_seo_description":"","jetpack_seo_html_title":"","jetpack_seo_noindex":false,"footnotes":""},"manufacturer":[6429],"prix":[6847],"years":[6378],"length_feet":[6588],"boat_type":[6468],"price_range":[6580],"localisations":[],"numyacht":[11162,10455,10994],"datevente":[10454,10583,10703,10992,11161,11269],"country":[10993],"states":[10770],"city":[11163],"fresh-water-boat":[10809],"broker":[],"migration":[10887],"class_list":["post-269035","listing","type-listing","status-publish","format-standard","has-post-thumbnail","hentry","manufacturer-princess","prix-6847","years-6378","length_feet-between-60-and-69-feets","boat_type-sport-bridge","price_range-1500000-2999999","numyacht-11162","numyacht-10455","numyacht-10994","datevente-2025-06-19","datevente-2025-08-15","datevente-2025-10-13","datevente-2025-12-09","datevente-2026-02-06","datevente-2026-04-05","country-bahamas","states-floride","city-delray-beach","fresh-water-boat-non","migration-oui"],"translation":{"provider":"WPGlobus","version":"2.12.2","language":"fr","enabled_languages":["en","fr"],"languages":{"en":{"title":true,"content":true,"excerpt":false},"fr":{"title":true,"content":true,"excerpt":false}}},"jetpack_likes_enabled":true,"jetpack_sharing_enabled":true,"_links":{"self":[{"href":"https:\/\/itayachtscanada.com\/fr\/wp-json\/wp\/v2\/listing\/269035","targetHints":{"allow":["GET"]}}],"collection":[{"href":"https:\/\/itayachtscanada.com\/fr\/wp-json\/wp\/v2\/listing"}],"about":[{"href":"https:\/\/itayachtscanada.com\/fr\/wp-json\/wp\/v2\/types\/listing"}],"author":[{"embeddable":true,"href":"https:\/\/itayachtscanada.com\/fr\/wp-json\/wp\/v2\/users\/119081455"}],"replies":[{"embeddable":true,"href":"https:\/\/itayachtscanada.com\/fr\/wp-json\/wp\/v2\/comments?post=269035"}],"version-history":[{"count":16,"href":"https:\/\/itayachtscanada.com\/fr\/wp-json\/wp\/v2\/listing\/269035\/revisions"}],"predecessor-version":[{"id":300744,"href":"https:\/\/itayachtscanada.com\/fr\/wp-json\/wp\/v2\/listing\/269035\/revisions\/300744"}],"wp:featuredmedia":[{"embeddable":true,"href":"https:\/\/itayachtscanada.com\/fr\/wp-json\/wp\/v2\/media\/269045"}],"wp:attachment":[{"href":"https:\/\/itayachtscanada.com\/fr\/wp-json\/wp\/v2\/media?parent=269035"}],"wp:term":[{"taxonomy":"manufacturer","embeddable":true,"href":"https:\/\/itayachtscanada.com\/fr\/wp-json\/wp\/v2\/manufacturer?post=269035"},{"taxonomy":"prix","embeddable":true,"href":"https:\/\/itayachtscanada.com\/fr\/wp-json\/wp\/v2\/prix?post=269035"},{"taxonomy":"years","embeddable":true,"href":"https:\/\/itayachtscanada.com\/fr\/wp-json\/wp\/v2\/years?post=269035"},{"taxonomy":"length_feet","embeddable":true,"href":"https:\/\/itayachtscanada.com\/fr\/wp-json\/wp\/v2\/length_feet?post=269035"},{"taxonomy":"boat_type","embeddable":true,"href":"https:\/\/itayachtscanada.com\/fr\/wp-json\/wp\/v2\/boat_type?post=269035"},{"taxonomy":"price_range","embeddable":true,"href":"https:\/\/itayachtscanada.com\/fr\/wp-json\/wp\/v2\/price_range?post=269035"},{"taxonomy":"localisations","embeddable":true,"href":"https:\/\/itayachtscanada.com\/fr\/wp-json\/wp\/v2\/localisations?post=269035"},{"taxonomy":"numyacht","embeddable":true,"href":"https:\/\/itayachtscanada.com\/fr\/wp-json\/wp\/v2\/numyacht?post=269035"},{"taxonomy":"datevente","embeddable":true,"href":"https:\/\/itayachtscanada.com\/fr\/wp-json\/wp\/v2\/datevente?post=269035"},{"taxonomy":"country","embeddable":true,"href":"https:\/\/itayachtscanada.com\/fr\/wp-json\/wp\/v2\/country?post=269035"},{"taxonomy":"states","embeddable":true,"href":"https:\/\/itayachtscanada.com\/fr\/wp-json\/wp\/v2\/states?post=269035"},{"taxonomy":"city","embeddable":true,"href":"https:\/\/itayachtscanada.com\/fr\/wp-json\/wp\/v2\/city?post=269035"},{"taxonomy":"fresh-water-boat","embeddable":true,"href":"https:\/\/itayachtscanada.com\/fr\/wp-json\/wp\/v2\/fresh-water-boat?post=269035"},{"taxonomy":"broker","embeddable":true,"href":"https:\/\/itayachtscanada.com\/fr\/wp-json\/wp\/v2\/broker?post=269035"},{"taxonomy":"migration","embeddable":true,"href":"https:\/\/itayachtscanada.com\/fr\/wp-json\/wp\/v2\/migration?post=269035"}],"curies":[{"name":"wp","href":"https:\/\/api.w.org\/{rel}","templated":true}]}}