{"id":264446,"date":"2025-06-06T16:18:09","date_gmt":"2025-06-06T20:18:09","guid":{"rendered":"https:\/\/itayachtscanada.com\/?post_type=listing&#038;p=264446"},"modified":"2026-03-22T11:48:34","modified_gmt":"2026-03-22T15:48:34","slug":"aquila-54-2023-1859000-usd-for-sale","status":"publish","type":"listing","link":"https:\/\/itayachtscanada.com\/fr\/listing\/aquila-54-2023-1859000-usd-for-sale\/","title":{"rendered":"Aquila 54 2023 $1,699,000 usd \u00e0 vendre"},"content":{"rendered":"<p><strong>Aquila 54 2023 $1,699,000 usd \u00e0 vendre<\/strong><\/p>\n<p>L&rsquo;Aquila 54 Yacht Power Catamaran incarne les caract\u00e9ristiques fiables et les m\u00e9thodes de construction des centaines de yachts et de bateaux Aquila qui naviguent sur les eaux du monde entier.<\/p>\n<p>Les propri\u00e9taires se r\u00e9jouiront des vues panoramiques qui remplissent la cabine principale de lumi\u00e8re naturelle \u00e0 travers les grandes fen\u00eatres lat\u00e9rales de la coque, ajoutant \u00e0 la sensation d&rsquo;espace de la cabine principale \u00e0 l&rsquo;avant. Con\u00e7u avec un flybridge ouvert et un pare-brise en verre solide, ou un flybridge enti\u00e8rement ferm\u00e9 et climatis\u00e9, le catamaran \u00e0 moteur Aquila 54 Yacht offre la polyvalence n\u00e9cessaire pour s\u00e9duire un public mondial de passionn\u00e9s de la navigation de plaisance.<\/p>\n<p>Liste pr\u00e9liminaire, les sp\u00e9cifications compl\u00e8tes seront bient\u00f4t disponibles, les caract\u00e9ristiques et les points forts sont les suivants.<\/p>\n<h3>Cet Aquila 54 est situ\u00e9 en Floride, veuillez nous contacter au 514-521-1221 pour tous les d\u00e9tails concernant ce catamaran \u00e0 moteur Aquila 54, notre bureau est situ\u00e9 en banlieue de Montr\u00e9al.<\/h3>\n<p><a href=\"https:\/\/itayachtscanada.com\/fr\/virtuals_visits\/aquila-54\/\">Cliquez ici<\/a> pour une visite virtuelle de Aquila 54<\/p>\n<p>Dimensions<br \/>\nLongueur hors tout : 54 pi 2 po<br \/>\nLargeur : 25 pi 2 po<br \/>\nHauteur libre maximale sur le pont : 20 pi 2 po<br \/>\nTirant d&rsquo;eau maximal : 4 ft 6 in<br \/>\nPoids<br \/>\nPoids \u00e0 sec : 52367 lb<br \/>\nR\u00e9servoirs<br \/>\nFuel : (581 gal)<br \/>\nFresh Water : (238 gal)<br \/>\nHolding : (90 gal)<br \/>\nAccommodations<br \/>\nGuest Cabins : 5<br \/>\nOther<br \/>\nHull Shape : Catamaran<\/p>\n<p>&nbsp;<\/p>\n<p>MOTEURS :<\/p>\n<p>Volvo Penta D6 (Moteur 1)<br \/>\nType de moteur : Inboard<br \/>\nType de carburant : Diesel<br \/>\nHeures du moteur : 200<br \/>\nPuissance : 480 hp<br \/>\nType d&rsquo;h\u00e9lice : 4 pales<\/p>\n<p>Volvo Penta D6 (Engine 2)<br \/>\nType de moteur : Inboard<br \/>\nType de carburant : Diesel<br \/>\nHeures moteur : 200<br \/>\nPuissance : 480 hp<br \/>\nType d&rsquo;h\u00e9lice : 4 pales<\/p>\n<div class=\"content-box\">\n<div class=\"column-container cols-3\">\n<div class=\"column\">\n<div class=\"column-item\">\n<div class=\"content-box\">\n<div class=\"column-container cols-3\">\n<div class=\"column\">\n<div class=\"column-item\">\n<div><\/div>\n<div><img data-recalc-dims=\"1\" loading=\"lazy\" decoding=\"async\" data-attachment-id=\"264450\" data-permalink=\"https:\/\/itayachtscanada.com\/fr\/listing\/aquila-54-2023-1859000-usd-for-sale\/capture-decran-le-2025-06-06-a-15-38-37\/\" data-orig-file=\"https:\/\/i0.wp.com\/itayachtscanada.com\/wp-content\/uploads\/2025\/06\/Capture-decran-le-2025-06-06-a-15.38.37.jpg?fit=1362%2C994&amp;ssl=1\" data-orig-size=\"1362,994\" data-comments-opened=\"1\" data-image-meta=\"{&quot;aperture&quot;:&quot;0&quot;,&quot;credit&quot;:&quot;&quot;,&quot;camera&quot;:&quot;&quot;,&quot;caption&quot;:&quot;&quot;,&quot;created_timestamp&quot;:&quot;0&quot;,&quot;copyright&quot;:&quot;&quot;,&quot;focal_length&quot;:&quot;0&quot;,&quot;iso&quot;:&quot;0&quot;,&quot;shutter_speed&quot;:&quot;0&quot;,&quot;title&quot;:&quot;&quot;,&quot;orientation&quot;:&quot;0&quot;}\" data-image-title=\"Capture d\u2019e\u0301cran, le 2025-06-06 a\u0300 15.38.37\" data-image-description=\"\" data-image-caption=\"\" data-large-file=\"https:\/\/i0.wp.com\/itayachtscanada.com\/wp-content\/uploads\/2025\/06\/Capture-decran-le-2025-06-06-a-15.38.37.jpg?fit=700%2C511&amp;ssl=1\" class=\"alignnone size-medium wp-image-264450\" src=\"https:\/\/i0.wp.com\/itayachtscanada.com\/wp-content\/uploads\/2025\/06\/Capture-decran-le-2025-06-06-a-15.38.37.jpg?resize=300%2C219&#038;ssl=1\" alt=\"\" width=\"300\" height=\"219\" srcset=\"https:\/\/i0.wp.com\/itayachtscanada.com\/wp-content\/uploads\/2025\/06\/Capture-decran-le-2025-06-06-a-15.38.37.jpg?resize=300%2C219&amp;ssl=1 300w, https:\/\/i0.wp.com\/itayachtscanada.com\/wp-content\/uploads\/2025\/06\/Capture-decran-le-2025-06-06-a-15.38.37.jpg?resize=1024%2C747&amp;ssl=1 1024w, https:\/\/i0.wp.com\/itayachtscanada.com\/wp-content\/uploads\/2025\/06\/Capture-decran-le-2025-06-06-a-15.38.37.jpg?resize=768%2C560&amp;ssl=1 768w, https:\/\/i0.wp.com\/itayachtscanada.com\/wp-content\/uploads\/2025\/06\/Capture-decran-le-2025-06-06-a-15.38.37.jpg?resize=700%2C511&amp;ssl=1 700w, https:\/\/i0.wp.com\/itayachtscanada.com\/wp-content\/uploads\/2025\/06\/Capture-decran-le-2025-06-06-a-15.38.37.jpg?resize=548%2C400&amp;ssl=1 548w, https:\/\/i0.wp.com\/itayachtscanada.com\/wp-content\/uploads\/2025\/06\/Capture-decran-le-2025-06-06-a-15.38.37.jpg?w=1362&amp;ssl=1 1362w\" sizes=\"auto, (max-width: 300px) 100vw, 300px\" \/> <img data-recalc-dims=\"1\" loading=\"lazy\" decoding=\"async\" data-attachment-id=\"264451\" data-permalink=\"https:\/\/itayachtscanada.com\/fr\/listing\/aquila-54-2023-1859000-usd-for-sale\/capture-decran-le-2025-06-06-a-15-38-31\/\" data-orig-file=\"https:\/\/i0.wp.com\/itayachtscanada.com\/wp-content\/uploads\/2025\/06\/Capture-decran-le-2025-06-06-a-15.38.31.jpg?fit=1362%2C994&amp;ssl=1\" data-orig-size=\"1362,994\" data-comments-opened=\"1\" data-image-meta=\"{&quot;aperture&quot;:&quot;0&quot;,&quot;credit&quot;:&quot;&quot;,&quot;camera&quot;:&quot;&quot;,&quot;caption&quot;:&quot;&quot;,&quot;created_timestamp&quot;:&quot;0&quot;,&quot;copyright&quot;:&quot;&quot;,&quot;focal_length&quot;:&quot;0&quot;,&quot;iso&quot;:&quot;0&quot;,&quot;shutter_speed&quot;:&quot;0&quot;,&quot;title&quot;:&quot;&quot;,&quot;orientation&quot;:&quot;0&quot;}\" data-image-title=\"Capture d\u2019e\u0301cran, le 2025-06-06 a\u0300 15.38.31\" data-image-description=\"\" data-image-caption=\"\" data-large-file=\"https:\/\/i0.wp.com\/itayachtscanada.com\/wp-content\/uploads\/2025\/06\/Capture-decran-le-2025-06-06-a-15.38.31.jpg?fit=700%2C511&amp;ssl=1\" class=\"alignnone size-medium wp-image-264451\" src=\"https:\/\/i0.wp.com\/itayachtscanada.com\/wp-content\/uploads\/2025\/06\/Capture-decran-le-2025-06-06-a-15.38.31.jpg?resize=300%2C219&#038;ssl=1\" alt=\"\" width=\"300\" height=\"219\" srcset=\"https:\/\/i0.wp.com\/itayachtscanada.com\/wp-content\/uploads\/2025\/06\/Capture-decran-le-2025-06-06-a-15.38.31.jpg?resize=300%2C219&amp;ssl=1 300w, https:\/\/i0.wp.com\/itayachtscanada.com\/wp-content\/uploads\/2025\/06\/Capture-decran-le-2025-06-06-a-15.38.31.jpg?resize=1024%2C747&amp;ssl=1 1024w, https:\/\/i0.wp.com\/itayachtscanada.com\/wp-content\/uploads\/2025\/06\/Capture-decran-le-2025-06-06-a-15.38.31.jpg?resize=768%2C560&amp;ssl=1 768w, https:\/\/i0.wp.com\/itayachtscanada.com\/wp-content\/uploads\/2025\/06\/Capture-decran-le-2025-06-06-a-15.38.31.jpg?resize=700%2C511&amp;ssl=1 700w, https:\/\/i0.wp.com\/itayachtscanada.com\/wp-content\/uploads\/2025\/06\/Capture-decran-le-2025-06-06-a-15.38.31.jpg?resize=548%2C400&amp;ssl=1 548w, https:\/\/i0.wp.com\/itayachtscanada.com\/wp-content\/uploads\/2025\/06\/Capture-decran-le-2025-06-06-a-15.38.31.jpg?w=1362&amp;ssl=1 1362w\" sizes=\"auto, (max-width: 300px) 100vw, 300px\" \/> <img data-recalc-dims=\"1\" loading=\"lazy\" decoding=\"async\" data-attachment-id=\"264452\" data-permalink=\"https:\/\/itayachtscanada.com\/fr\/listing\/aquila-54-2023-1859000-usd-for-sale\/aquila-54-2023\/\" data-orig-file=\"https:\/\/i0.wp.com\/itayachtscanada.com\/wp-content\/uploads\/2025\/06\/Aquila-54-2023.jpg?fit=1362%2C994&amp;ssl=1\" data-orig-size=\"1362,994\" data-comments-opened=\"1\" data-image-meta=\"{&quot;aperture&quot;:&quot;0&quot;,&quot;credit&quot;:&quot;&quot;,&quot;camera&quot;:&quot;&quot;,&quot;caption&quot;:&quot;&quot;,&quot;created_timestamp&quot;:&quot;0&quot;,&quot;copyright&quot;:&quot;&quot;,&quot;focal_length&quot;:&quot;0&quot;,&quot;iso&quot;:&quot;0&quot;,&quot;shutter_speed&quot;:&quot;0&quot;,&quot;title&quot;:&quot;&quot;,&quot;orientation&quot;:&quot;0&quot;}\" data-image-title=\"Aquila 54 2023\" data-image-description=\"\" data-image-caption=\"\" data-large-file=\"https:\/\/i0.wp.com\/itayachtscanada.com\/wp-content\/uploads\/2025\/06\/Aquila-54-2023.jpg?fit=700%2C511&amp;ssl=1\" class=\"alignnone size-medium wp-image-264452\" src=\"https:\/\/i0.wp.com\/itayachtscanada.com\/wp-content\/uploads\/2025\/06\/Aquila-54-2023.jpg?resize=300%2C219&#038;ssl=1\" alt=\"\" width=\"300\" height=\"219\" srcset=\"https:\/\/i0.wp.com\/itayachtscanada.com\/wp-content\/uploads\/2025\/06\/Aquila-54-2023.jpg?resize=300%2C219&amp;ssl=1 300w, https:\/\/i0.wp.com\/itayachtscanada.com\/wp-content\/uploads\/2025\/06\/Aquila-54-2023.jpg?resize=1024%2C747&amp;ssl=1 1024w, https:\/\/i0.wp.com\/itayachtscanada.com\/wp-content\/uploads\/2025\/06\/Aquila-54-2023.jpg?resize=768%2C560&amp;ssl=1 768w, https:\/\/i0.wp.com\/itayachtscanada.com\/wp-content\/uploads\/2025\/06\/Aquila-54-2023.jpg?resize=700%2C511&amp;ssl=1 700w, https:\/\/i0.wp.com\/itayachtscanada.com\/wp-content\/uploads\/2025\/06\/Aquila-54-2023.jpg?resize=548%2C400&amp;ssl=1 548w, https:\/\/i0.wp.com\/itayachtscanada.com\/wp-content\/uploads\/2025\/06\/Aquila-54-2023.jpg?w=1362&amp;ssl=1 1362w\" sizes=\"auto, (max-width: 300px) 100vw, 300px\" \/> <img data-recalc-dims=\"1\" loading=\"lazy\" decoding=\"async\" data-attachment-id=\"264453\" data-permalink=\"https:\/\/itayachtscanada.com\/fr\/listing\/aquila-54-2023-1859000-usd-for-sale\/capture-decran-le-2025-06-06-a-15-38-10\/\" data-orig-file=\"https:\/\/i0.wp.com\/itayachtscanada.com\/wp-content\/uploads\/2025\/06\/Capture-decran-le-2025-06-06-a-15.38.10.jpg?fit=1334%2C994&amp;ssl=1\" data-orig-size=\"1334,994\" data-comments-opened=\"1\" data-image-meta=\"{&quot;aperture&quot;:&quot;0&quot;,&quot;credit&quot;:&quot;&quot;,&quot;camera&quot;:&quot;&quot;,&quot;caption&quot;:&quot;&quot;,&quot;created_timestamp&quot;:&quot;0&quot;,&quot;copyright&quot;:&quot;&quot;,&quot;focal_length&quot;:&quot;0&quot;,&quot;iso&quot;:&quot;0&quot;,&quot;shutter_speed&quot;:&quot;0&quot;,&quot;title&quot;:&quot;&quot;,&quot;orientation&quot;:&quot;0&quot;}\" data-image-title=\"Capture d\u2019e\u0301cran, le 2025-06-06 a\u0300 15.38.10\" data-image-description=\"\" data-image-caption=\"\" data-large-file=\"https:\/\/i0.wp.com\/itayachtscanada.com\/wp-content\/uploads\/2025\/06\/Capture-decran-le-2025-06-06-a-15.38.10.jpg?fit=700%2C522&amp;ssl=1\" class=\"alignnone size-medium wp-image-264453\" src=\"https:\/\/i0.wp.com\/itayachtscanada.com\/wp-content\/uploads\/2025\/06\/Capture-decran-le-2025-06-06-a-15.38.10.jpg?resize=300%2C224&#038;ssl=1\" alt=\"\" width=\"300\" height=\"224\" srcset=\"https:\/\/i0.wp.com\/itayachtscanada.com\/wp-content\/uploads\/2025\/06\/Capture-decran-le-2025-06-06-a-15.38.10.jpg?resize=300%2C224&amp;ssl=1 300w, https:\/\/i0.wp.com\/itayachtscanada.com\/wp-content\/uploads\/2025\/06\/Capture-decran-le-2025-06-06-a-15.38.10.jpg?resize=1024%2C763&amp;ssl=1 1024w, https:\/\/i0.wp.com\/itayachtscanada.com\/wp-content\/uploads\/2025\/06\/Capture-decran-le-2025-06-06-a-15.38.10.jpg?resize=768%2C572&amp;ssl=1 768w, https:\/\/i0.wp.com\/itayachtscanada.com\/wp-content\/uploads\/2025\/06\/Capture-decran-le-2025-06-06-a-15.38.10.jpg?resize=700%2C522&amp;ssl=1 700w, https:\/\/i0.wp.com\/itayachtscanada.com\/wp-content\/uploads\/2025\/06\/Capture-decran-le-2025-06-06-a-15.38.10.jpg?resize=537%2C400&amp;ssl=1 537w, https:\/\/i0.wp.com\/itayachtscanada.com\/wp-content\/uploads\/2025\/06\/Capture-decran-le-2025-06-06-a-15.38.10.jpg?w=1334&amp;ssl=1 1334w\" sizes=\"auto, (max-width: 300px) 100vw, 300px\" \/> <img data-recalc-dims=\"1\" loading=\"lazy\" decoding=\"async\" data-attachment-id=\"264454\" data-permalink=\"https:\/\/itayachtscanada.com\/fr\/listing\/aquila-54-2023-1859000-usd-for-sale\/capture-decran-le-2025-06-06-a-15-38-03\/\" data-orig-file=\"https:\/\/i0.wp.com\/itayachtscanada.com\/wp-content\/uploads\/2025\/06\/Capture-decran-le-2025-06-06-a-15.38.03.jpg?fit=1284%2C994&amp;ssl=1\" data-orig-size=\"1284,994\" data-comments-opened=\"1\" data-image-meta=\"{&quot;aperture&quot;:&quot;0&quot;,&quot;credit&quot;:&quot;&quot;,&quot;camera&quot;:&quot;&quot;,&quot;caption&quot;:&quot;&quot;,&quot;created_timestamp&quot;:&quot;0&quot;,&quot;copyright&quot;:&quot;&quot;,&quot;focal_length&quot;:&quot;0&quot;,&quot;iso&quot;:&quot;0&quot;,&quot;shutter_speed&quot;:&quot;0&quot;,&quot;title&quot;:&quot;&quot;,&quot;orientation&quot;:&quot;0&quot;}\" data-image-title=\"Capture d\u2019e\u0301cran, le 2025-06-06 a\u0300 15.38.03\" data-image-description=\"\" data-image-caption=\"\" data-large-file=\"https:\/\/i0.wp.com\/itayachtscanada.com\/wp-content\/uploads\/2025\/06\/Capture-decran-le-2025-06-06-a-15.38.03.jpg?fit=700%2C542&amp;ssl=1\" class=\"alignnone size-medium wp-image-264454\" src=\"https:\/\/i0.wp.com\/itayachtscanada.com\/wp-content\/uploads\/2025\/06\/Capture-decran-le-2025-06-06-a-15.38.03.jpg?resize=300%2C232&#038;ssl=1\" alt=\"\" width=\"300\" height=\"232\" srcset=\"https:\/\/i0.wp.com\/itayachtscanada.com\/wp-content\/uploads\/2025\/06\/Capture-decran-le-2025-06-06-a-15.38.03.jpg?resize=300%2C232&amp;ssl=1 300w, https:\/\/i0.wp.com\/itayachtscanada.com\/wp-content\/uploads\/2025\/06\/Capture-decran-le-2025-06-06-a-15.38.03.jpg?resize=1024%2C793&amp;ssl=1 1024w, https:\/\/i0.wp.com\/itayachtscanada.com\/wp-content\/uploads\/2025\/06\/Capture-decran-le-2025-06-06-a-15.38.03.jpg?resize=768%2C595&amp;ssl=1 768w, https:\/\/i0.wp.com\/itayachtscanada.com\/wp-content\/uploads\/2025\/06\/Capture-decran-le-2025-06-06-a-15.38.03.jpg?resize=700%2C542&amp;ssl=1 700w, https:\/\/i0.wp.com\/itayachtscanada.com\/wp-content\/uploads\/2025\/06\/Capture-decran-le-2025-06-06-a-15.38.03.jpg?resize=517%2C400&amp;ssl=1 517w, https:\/\/i0.wp.com\/itayachtscanada.com\/wp-content\/uploads\/2025\/06\/Capture-decran-le-2025-06-06-a-15.38.03.jpg?w=1284&amp;ssl=1 1284w\" sizes=\"auto, (max-width: 300px) 100vw, 300px\" \/> <img data-recalc-dims=\"1\" loading=\"lazy\" decoding=\"async\" data-attachment-id=\"264455\" data-permalink=\"https:\/\/itayachtscanada.com\/fr\/listing\/aquila-54-2023-1859000-usd-for-sale\/capture-decran-le-2025-06-06-a-15-37-52\/\" data-orig-file=\"https:\/\/i0.wp.com\/itayachtscanada.com\/wp-content\/uploads\/2025\/06\/Capture-decran-le-2025-06-06-a-15.37.52.jpg?fit=1284%2C994&amp;ssl=1\" data-orig-size=\"1284,994\" data-comments-opened=\"1\" data-image-meta=\"{&quot;aperture&quot;:&quot;0&quot;,&quot;credit&quot;:&quot;&quot;,&quot;camera&quot;:&quot;&quot;,&quot;caption&quot;:&quot;&quot;,&quot;created_timestamp&quot;:&quot;0&quot;,&quot;copyright&quot;:&quot;&quot;,&quot;focal_length&quot;:&quot;0&quot;,&quot;iso&quot;:&quot;0&quot;,&quot;shutter_speed&quot;:&quot;0&quot;,&quot;title&quot;:&quot;&quot;,&quot;orientation&quot;:&quot;0&quot;}\" data-image-title=\"Capture d\u2019e\u0301cran, le 2025-06-06 a\u0300 15.37.52\" data-image-description=\"\" data-image-caption=\"\" data-large-file=\"https:\/\/i0.wp.com\/itayachtscanada.com\/wp-content\/uploads\/2025\/06\/Capture-decran-le-2025-06-06-a-15.37.52.jpg?fit=700%2C542&amp;ssl=1\" class=\"alignnone size-medium wp-image-264455\" src=\"https:\/\/i0.wp.com\/itayachtscanada.com\/wp-content\/uploads\/2025\/06\/Capture-decran-le-2025-06-06-a-15.37.52.jpg?resize=300%2C232&#038;ssl=1\" alt=\"\" width=\"300\" height=\"232\" srcset=\"https:\/\/i0.wp.com\/itayachtscanada.com\/wp-content\/uploads\/2025\/06\/Capture-decran-le-2025-06-06-a-15.37.52.jpg?resize=300%2C232&amp;ssl=1 300w, https:\/\/i0.wp.com\/itayachtscanada.com\/wp-content\/uploads\/2025\/06\/Capture-decran-le-2025-06-06-a-15.37.52.jpg?resize=1024%2C793&amp;ssl=1 1024w, https:\/\/i0.wp.com\/itayachtscanada.com\/wp-content\/uploads\/2025\/06\/Capture-decran-le-2025-06-06-a-15.37.52.jpg?resize=768%2C595&amp;ssl=1 768w, https:\/\/i0.wp.com\/itayachtscanada.com\/wp-content\/uploads\/2025\/06\/Capture-decran-le-2025-06-06-a-15.37.52.jpg?resize=700%2C542&amp;ssl=1 700w, https:\/\/i0.wp.com\/itayachtscanada.com\/wp-content\/uploads\/2025\/06\/Capture-decran-le-2025-06-06-a-15.37.52.jpg?resize=517%2C400&amp;ssl=1 517w, https:\/\/i0.wp.com\/itayachtscanada.com\/wp-content\/uploads\/2025\/06\/Capture-decran-le-2025-06-06-a-15.37.52.jpg?w=1284&amp;ssl=1 1284w\" sizes=\"auto, (max-width: 300px) 100vw, 300px\" \/> <img data-recalc-dims=\"1\" loading=\"lazy\" decoding=\"async\" data-attachment-id=\"264456\" data-permalink=\"https:\/\/itayachtscanada.com\/fr\/listing\/aquila-54-2023-1859000-usd-for-sale\/capture-decran-le-2025-06-06-a-15-37-37\/\" data-orig-file=\"https:\/\/i0.wp.com\/itayachtscanada.com\/wp-content\/uploads\/2025\/06\/Capture-decran-le-2025-06-06-a-15.37.37.jpg?fit=1284%2C1012&amp;ssl=1\" data-orig-size=\"1284,1012\" data-comments-opened=\"1\" data-image-meta=\"{&quot;aperture&quot;:&quot;0&quot;,&quot;credit&quot;:&quot;&quot;,&quot;camera&quot;:&quot;&quot;,&quot;caption&quot;:&quot;&quot;,&quot;created_timestamp&quot;:&quot;0&quot;,&quot;copyright&quot;:&quot;&quot;,&quot;focal_length&quot;:&quot;0&quot;,&quot;iso&quot;:&quot;0&quot;,&quot;shutter_speed&quot;:&quot;0&quot;,&quot;title&quot;:&quot;&quot;,&quot;orientation&quot;:&quot;0&quot;}\" data-image-title=\"Capture d\u2019e\u0301cran, le 2025-06-06 a\u0300 15.37.37\" data-image-description=\"\" data-image-caption=\"\" data-large-file=\"https:\/\/i0.wp.com\/itayachtscanada.com\/wp-content\/uploads\/2025\/06\/Capture-decran-le-2025-06-06-a-15.37.37.jpg?fit=700%2C552&amp;ssl=1\" class=\"alignnone size-medium wp-image-264456\" src=\"https:\/\/i0.wp.com\/itayachtscanada.com\/wp-content\/uploads\/2025\/06\/Capture-decran-le-2025-06-06-a-15.37.37.jpg?resize=300%2C236&#038;ssl=1\" alt=\"\" width=\"300\" height=\"236\" srcset=\"https:\/\/i0.wp.com\/itayachtscanada.com\/wp-content\/uploads\/2025\/06\/Capture-decran-le-2025-06-06-a-15.37.37.jpg?resize=300%2C236&amp;ssl=1 300w, https:\/\/i0.wp.com\/itayachtscanada.com\/wp-content\/uploads\/2025\/06\/Capture-decran-le-2025-06-06-a-15.37.37.jpg?resize=1024%2C807&amp;ssl=1 1024w, https:\/\/i0.wp.com\/itayachtscanada.com\/wp-content\/uploads\/2025\/06\/Capture-decran-le-2025-06-06-a-15.37.37.jpg?resize=768%2C605&amp;ssl=1 768w, https:\/\/i0.wp.com\/itayachtscanada.com\/wp-content\/uploads\/2025\/06\/Capture-decran-le-2025-06-06-a-15.37.37.jpg?resize=700%2C552&amp;ssl=1 700w, https:\/\/i0.wp.com\/itayachtscanada.com\/wp-content\/uploads\/2025\/06\/Capture-decran-le-2025-06-06-a-15.37.37.jpg?resize=508%2C400&amp;ssl=1 508w, https:\/\/i0.wp.com\/itayachtscanada.com\/wp-content\/uploads\/2025\/06\/Capture-decran-le-2025-06-06-a-15.37.37.jpg?w=1284&amp;ssl=1 1284w\" sizes=\"auto, (max-width: 300px) 100vw, 300px\" \/> <img data-recalc-dims=\"1\" loading=\"lazy\" decoding=\"async\" data-attachment-id=\"264457\" data-permalink=\"https:\/\/itayachtscanada.com\/fr\/listing\/aquila-54-2023-1859000-usd-for-sale\/capture-decran-le-2025-06-06-a-15-37-26\/\" data-orig-file=\"https:\/\/i0.wp.com\/itayachtscanada.com\/wp-content\/uploads\/2025\/06\/Capture-decran-le-2025-06-06-a-15.37.26.jpg?fit=958%2C860&amp;ssl=1\" data-orig-size=\"958,860\" data-comments-opened=\"1\" data-image-meta=\"{&quot;aperture&quot;:&quot;0&quot;,&quot;credit&quot;:&quot;&quot;,&quot;camera&quot;:&quot;&quot;,&quot;caption&quot;:&quot;&quot;,&quot;created_timestamp&quot;:&quot;0&quot;,&quot;copyright&quot;:&quot;&quot;,&quot;focal_length&quot;:&quot;0&quot;,&quot;iso&quot;:&quot;0&quot;,&quot;shutter_speed&quot;:&quot;0&quot;,&quot;title&quot;:&quot;&quot;,&quot;orientation&quot;:&quot;0&quot;}\" data-image-title=\"Capture d\u2019e\u0301cran, le 2025-06-06 a\u0300 15.37.26\" data-image-description=\"\" data-image-caption=\"\" data-large-file=\"https:\/\/i0.wp.com\/itayachtscanada.com\/wp-content\/uploads\/2025\/06\/Capture-decran-le-2025-06-06-a-15.37.26.jpg?fit=700%2C628&amp;ssl=1\" class=\"alignnone size-medium wp-image-264457\" src=\"https:\/\/i0.wp.com\/itayachtscanada.com\/wp-content\/uploads\/2025\/06\/Capture-decran-le-2025-06-06-a-15.37.26.jpg?resize=300%2C269&#038;ssl=1\" alt=\"\" width=\"300\" height=\"269\" srcset=\"https:\/\/i0.wp.com\/itayachtscanada.com\/wp-content\/uploads\/2025\/06\/Capture-decran-le-2025-06-06-a-15.37.26.jpg?resize=300%2C269&amp;ssl=1 300w, https:\/\/i0.wp.com\/itayachtscanada.com\/wp-content\/uploads\/2025\/06\/Capture-decran-le-2025-06-06-a-15.37.26.jpg?resize=768%2C689&amp;ssl=1 768w, https:\/\/i0.wp.com\/itayachtscanada.com\/wp-content\/uploads\/2025\/06\/Capture-decran-le-2025-06-06-a-15.37.26.jpg?resize=700%2C628&amp;ssl=1 700w, https:\/\/i0.wp.com\/itayachtscanada.com\/wp-content\/uploads\/2025\/06\/Capture-decran-le-2025-06-06-a-15.37.26.jpg?resize=446%2C400&amp;ssl=1 446w, https:\/\/i0.wp.com\/itayachtscanada.com\/wp-content\/uploads\/2025\/06\/Capture-decran-le-2025-06-06-a-15.37.26.jpg?w=958&amp;ssl=1 958w\" sizes=\"auto, (max-width: 300px) 100vw, 300px\" \/> <img data-recalc-dims=\"1\" loading=\"lazy\" decoding=\"async\" data-attachment-id=\"264458\" data-permalink=\"https:\/\/itayachtscanada.com\/fr\/listing\/aquila-54-2023-1859000-usd-for-sale\/capture-decran-le-2025-06-06-a-15-37-14\/\" data-orig-file=\"https:\/\/i0.wp.com\/itayachtscanada.com\/wp-content\/uploads\/2025\/06\/Capture-decran-le-2025-06-06-a-15.37.14.jpg?fit=1324%2C986&amp;ssl=1\" data-orig-size=\"1324,986\" data-comments-opened=\"1\" data-image-meta=\"{&quot;aperture&quot;:&quot;0&quot;,&quot;credit&quot;:&quot;&quot;,&quot;camera&quot;:&quot;&quot;,&quot;caption&quot;:&quot;&quot;,&quot;created_timestamp&quot;:&quot;0&quot;,&quot;copyright&quot;:&quot;&quot;,&quot;focal_length&quot;:&quot;0&quot;,&quot;iso&quot;:&quot;0&quot;,&quot;shutter_speed&quot;:&quot;0&quot;,&quot;title&quot;:&quot;&quot;,&quot;orientation&quot;:&quot;0&quot;}\" data-image-title=\"Capture d\u2019e\u0301cran, le 2025-06-06 a\u0300 15.37.14\" data-image-description=\"\" data-image-caption=\"\" data-large-file=\"https:\/\/i0.wp.com\/itayachtscanada.com\/wp-content\/uploads\/2025\/06\/Capture-decran-le-2025-06-06-a-15.37.14.jpg?fit=700%2C522&amp;ssl=1\" class=\"alignnone size-medium wp-image-264458\" src=\"https:\/\/i0.wp.com\/itayachtscanada.com\/wp-content\/uploads\/2025\/06\/Capture-decran-le-2025-06-06-a-15.37.14.jpg?resize=300%2C223&#038;ssl=1\" alt=\"\" width=\"300\" height=\"223\" srcset=\"https:\/\/i0.wp.com\/itayachtscanada.com\/wp-content\/uploads\/2025\/06\/Capture-decran-le-2025-06-06-a-15.37.14.jpg?resize=300%2C223&amp;ssl=1 300w, https:\/\/i0.wp.com\/itayachtscanada.com\/wp-content\/uploads\/2025\/06\/Capture-decran-le-2025-06-06-a-15.37.14.jpg?resize=1024%2C763&amp;ssl=1 1024w, https:\/\/i0.wp.com\/itayachtscanada.com\/wp-content\/uploads\/2025\/06\/Capture-decran-le-2025-06-06-a-15.37.14.jpg?resize=768%2C572&amp;ssl=1 768w, https:\/\/i0.wp.com\/itayachtscanada.com\/wp-content\/uploads\/2025\/06\/Capture-decran-le-2025-06-06-a-15.37.14.jpg?resize=700%2C521&amp;ssl=1 700w, https:\/\/i0.wp.com\/itayachtscanada.com\/wp-content\/uploads\/2025\/06\/Capture-decran-le-2025-06-06-a-15.37.14.jpg?resize=537%2C400&amp;ssl=1 537w, https:\/\/i0.wp.com\/itayachtscanada.com\/wp-content\/uploads\/2025\/06\/Capture-decran-le-2025-06-06-a-15.37.14.jpg?w=1324&amp;ssl=1 1324w\" sizes=\"auto, (max-width: 300px) 100vw, 300px\" \/> <img data-recalc-dims=\"1\" loading=\"lazy\" decoding=\"async\" data-attachment-id=\"264459\" data-permalink=\"https:\/\/itayachtscanada.com\/fr\/listing\/aquila-54-2023-1859000-usd-for-sale\/capture-decran-le-2025-06-06-a-15-36-50\/\" data-orig-file=\"https:\/\/i0.wp.com\/itayachtscanada.com\/wp-content\/uploads\/2025\/06\/Capture-decran-le-2025-06-06-a-15.36.50.jpg?fit=980%2C782&amp;ssl=1\" data-orig-size=\"980,782\" data-comments-opened=\"1\" data-image-meta=\"{&quot;aperture&quot;:&quot;0&quot;,&quot;credit&quot;:&quot;&quot;,&quot;camera&quot;:&quot;&quot;,&quot;caption&quot;:&quot;&quot;,&quot;created_timestamp&quot;:&quot;0&quot;,&quot;copyright&quot;:&quot;&quot;,&quot;focal_length&quot;:&quot;0&quot;,&quot;iso&quot;:&quot;0&quot;,&quot;shutter_speed&quot;:&quot;0&quot;,&quot;title&quot;:&quot;&quot;,&quot;orientation&quot;:&quot;0&quot;}\" data-image-title=\"Capture d\u2019e\u0301cran, le 2025-06-06 a\u0300 15.36.50\" data-image-description=\"\" data-image-caption=\"\" data-large-file=\"https:\/\/i0.wp.com\/itayachtscanada.com\/wp-content\/uploads\/2025\/06\/Capture-decran-le-2025-06-06-a-15.36.50.jpg?fit=700%2C559&amp;ssl=1\" class=\"alignnone size-medium wp-image-264459\" src=\"https:\/\/i0.wp.com\/itayachtscanada.com\/wp-content\/uploads\/2025\/06\/Capture-decran-le-2025-06-06-a-15.36.50.jpg?resize=300%2C239&#038;ssl=1\" alt=\"\" width=\"300\" height=\"239\" srcset=\"https:\/\/i0.wp.com\/itayachtscanada.com\/wp-content\/uploads\/2025\/06\/Capture-decran-le-2025-06-06-a-15.36.50.jpg?resize=300%2C239&amp;ssl=1 300w, https:\/\/i0.wp.com\/itayachtscanada.com\/wp-content\/uploads\/2025\/06\/Capture-decran-le-2025-06-06-a-15.36.50.jpg?resize=768%2C613&amp;ssl=1 768w, https:\/\/i0.wp.com\/itayachtscanada.com\/wp-content\/uploads\/2025\/06\/Capture-decran-le-2025-06-06-a-15.36.50.jpg?resize=700%2C559&amp;ssl=1 700w, https:\/\/i0.wp.com\/itayachtscanada.com\/wp-content\/uploads\/2025\/06\/Capture-decran-le-2025-06-06-a-15.36.50.jpg?resize=501%2C400&amp;ssl=1 501w, https:\/\/i0.wp.com\/itayachtscanada.com\/wp-content\/uploads\/2025\/06\/Capture-decran-le-2025-06-06-a-15.36.50.jpg?w=980&amp;ssl=1 980w\" sizes=\"auto, (max-width: 300px) 100vw, 300px\" \/> <img data-recalc-dims=\"1\" loading=\"lazy\" decoding=\"async\" data-attachment-id=\"264460\" data-permalink=\"https:\/\/itayachtscanada.com\/fr\/listing\/aquila-54-2023-1859000-usd-for-sale\/layout-aquila-54\/\" data-orig-file=\"https:\/\/i0.wp.com\/itayachtscanada.com\/wp-content\/uploads\/2025\/06\/Layout-Aquila-54-.jpg?fit=712%2C1184&amp;ssl=1\" data-orig-size=\"712,1184\" data-comments-opened=\"1\" data-image-meta=\"{&quot;aperture&quot;:&quot;0&quot;,&quot;credit&quot;:&quot;&quot;,&quot;camera&quot;:&quot;&quot;,&quot;caption&quot;:&quot;&quot;,&quot;created_timestamp&quot;:&quot;0&quot;,&quot;copyright&quot;:&quot;&quot;,&quot;focal_length&quot;:&quot;0&quot;,&quot;iso&quot;:&quot;0&quot;,&quot;shutter_speed&quot;:&quot;0&quot;,&quot;title&quot;:&quot;&quot;,&quot;orientation&quot;:&quot;0&quot;}\" data-image-title=\"Layout Aquila 54\" data-image-description=\"\" data-image-caption=\"\" data-large-file=\"https:\/\/i0.wp.com\/itayachtscanada.com\/wp-content\/uploads\/2025\/06\/Layout-Aquila-54-.jpg?fit=616%2C1024&amp;ssl=1\" class=\"alignnone size-medium wp-image-264460\" src=\"https:\/\/i0.wp.com\/itayachtscanada.com\/wp-content\/uploads\/2025\/06\/Layout-Aquila-54-.jpg?resize=180%2C300&#038;ssl=1\" alt=\"\" width=\"180\" height=\"300\" srcset=\"https:\/\/i0.wp.com\/itayachtscanada.com\/wp-content\/uploads\/2025\/06\/Layout-Aquila-54-.jpg?resize=180%2C300&amp;ssl=1 180w, https:\/\/i0.wp.com\/itayachtscanada.com\/wp-content\/uploads\/2025\/06\/Layout-Aquila-54-.jpg?resize=616%2C1024&amp;ssl=1 616w, https:\/\/i0.wp.com\/itayachtscanada.com\/wp-content\/uploads\/2025\/06\/Layout-Aquila-54-.jpg?resize=700%2C1164&amp;ssl=1 700w, https:\/\/i0.wp.com\/itayachtscanada.com\/wp-content\/uploads\/2025\/06\/Layout-Aquila-54-.jpg?resize=241%2C400&amp;ssl=1 241w, https:\/\/i0.wp.com\/itayachtscanada.com\/wp-content\/uploads\/2025\/06\/Layout-Aquila-54-.jpg?w=712&amp;ssl=1 712w\" sizes=\"auto, (max-width: 180px) 100vw, 180px\" \/> <img data-recalc-dims=\"1\" loading=\"lazy\" decoding=\"async\" data-attachment-id=\"264461\" data-permalink=\"https:\/\/itayachtscanada.com\/fr\/listing\/aquila-54-2023-1859000-usd-for-sale\/capture-decran-le-2025-06-06-a-15-29-17\/\" data-orig-file=\"https:\/\/i0.wp.com\/itayachtscanada.com\/wp-content\/uploads\/2025\/06\/Capture-decran-le-2025-06-06-a-15.29.17.jpg?fit=1436%2C952&amp;ssl=1\" data-orig-size=\"1436,952\" data-comments-opened=\"1\" data-image-meta=\"{&quot;aperture&quot;:&quot;0&quot;,&quot;credit&quot;:&quot;&quot;,&quot;camera&quot;:&quot;&quot;,&quot;caption&quot;:&quot;&quot;,&quot;created_timestamp&quot;:&quot;0&quot;,&quot;copyright&quot;:&quot;&quot;,&quot;focal_length&quot;:&quot;0&quot;,&quot;iso&quot;:&quot;0&quot;,&quot;shutter_speed&quot;:&quot;0&quot;,&quot;title&quot;:&quot;&quot;,&quot;orientation&quot;:&quot;0&quot;}\" data-image-title=\"Capture d\u2019e\u0301cran, le 2025-06-06 a\u0300 15.29.17\" data-image-description=\"\" data-image-caption=\"\" data-large-file=\"https:\/\/i0.wp.com\/itayachtscanada.com\/wp-content\/uploads\/2025\/06\/Capture-decran-le-2025-06-06-a-15.29.17.jpg?fit=700%2C464&amp;ssl=1\" class=\"alignnone size-medium wp-image-264461\" src=\"https:\/\/i0.wp.com\/itayachtscanada.com\/wp-content\/uploads\/2025\/06\/Capture-decran-le-2025-06-06-a-15.29.17.jpg?resize=300%2C199&#038;ssl=1\" alt=\"\" width=\"300\" height=\"199\" srcset=\"https:\/\/i0.wp.com\/itayachtscanada.com\/wp-content\/uploads\/2025\/06\/Capture-decran-le-2025-06-06-a-15.29.17.jpg?resize=300%2C199&amp;ssl=1 300w, https:\/\/i0.wp.com\/itayachtscanada.com\/wp-content\/uploads\/2025\/06\/Capture-decran-le-2025-06-06-a-15.29.17.jpg?resize=1024%2C679&amp;ssl=1 1024w, https:\/\/i0.wp.com\/itayachtscanada.com\/wp-content\/uploads\/2025\/06\/Capture-decran-le-2025-06-06-a-15.29.17.jpg?resize=768%2C509&amp;ssl=1 768w, https:\/\/i0.wp.com\/itayachtscanada.com\/wp-content\/uploads\/2025\/06\/Capture-decran-le-2025-06-06-a-15.29.17.jpg?resize=700%2C464&amp;ssl=1 700w, https:\/\/i0.wp.com\/itayachtscanada.com\/wp-content\/uploads\/2025\/06\/Capture-decran-le-2025-06-06-a-15.29.17.jpg?resize=900%2C600&amp;ssl=1 900w, https:\/\/i0.wp.com\/itayachtscanada.com\/wp-content\/uploads\/2025\/06\/Capture-decran-le-2025-06-06-a-15.29.17.jpg?resize=603%2C400&amp;ssl=1 603w, https:\/\/i0.wp.com\/itayachtscanada.com\/wp-content\/uploads\/2025\/06\/Capture-decran-le-2025-06-06-a-15.29.17.jpg?w=1436&amp;ssl=1 1436w\" sizes=\"auto, (max-width: 300px) 100vw, 300px\" \/> <img data-recalc-dims=\"1\" loading=\"lazy\" decoding=\"async\" data-attachment-id=\"264462\" data-permalink=\"https:\/\/itayachtscanada.com\/fr\/listing\/aquila-54-2023-1859000-usd-for-sale\/capture-decran-le-2025-06-06-a-15-29-12\/\" data-orig-file=\"https:\/\/i0.wp.com\/itayachtscanada.com\/wp-content\/uploads\/2025\/06\/Capture-decran-le-2025-06-06-a-15.29.12.jpg?fit=1436%2C952&amp;ssl=1\" data-orig-size=\"1436,952\" data-comments-opened=\"1\" data-image-meta=\"{&quot;aperture&quot;:&quot;0&quot;,&quot;credit&quot;:&quot;&quot;,&quot;camera&quot;:&quot;&quot;,&quot;caption&quot;:&quot;&quot;,&quot;created_timestamp&quot;:&quot;0&quot;,&quot;copyright&quot;:&quot;&quot;,&quot;focal_length&quot;:&quot;0&quot;,&quot;iso&quot;:&quot;0&quot;,&quot;shutter_speed&quot;:&quot;0&quot;,&quot;title&quot;:&quot;&quot;,&quot;orientation&quot;:&quot;0&quot;}\" data-image-title=\"Capture d\u2019e\u0301cran, le 2025-06-06 a\u0300 15.29.12\" data-image-description=\"\" data-image-caption=\"\" data-large-file=\"https:\/\/i0.wp.com\/itayachtscanada.com\/wp-content\/uploads\/2025\/06\/Capture-decran-le-2025-06-06-a-15.29.12.jpg?fit=700%2C464&amp;ssl=1\" class=\"alignnone size-medium wp-image-264462\" src=\"https:\/\/i0.wp.com\/itayachtscanada.com\/wp-content\/uploads\/2025\/06\/Capture-decran-le-2025-06-06-a-15.29.12.jpg?resize=300%2C199&#038;ssl=1\" alt=\"\" width=\"300\" height=\"199\" srcset=\"https:\/\/i0.wp.com\/itayachtscanada.com\/wp-content\/uploads\/2025\/06\/Capture-decran-le-2025-06-06-a-15.29.12.jpg?resize=300%2C199&amp;ssl=1 300w, https:\/\/i0.wp.com\/itayachtscanada.com\/wp-content\/uploads\/2025\/06\/Capture-decran-le-2025-06-06-a-15.29.12.jpg?resize=1024%2C679&amp;ssl=1 1024w, https:\/\/i0.wp.com\/itayachtscanada.com\/wp-content\/uploads\/2025\/06\/Capture-decran-le-2025-06-06-a-15.29.12.jpg?resize=768%2C509&amp;ssl=1 768w, https:\/\/i0.wp.com\/itayachtscanada.com\/wp-content\/uploads\/2025\/06\/Capture-decran-le-2025-06-06-a-15.29.12.jpg?resize=700%2C464&amp;ssl=1 700w, https:\/\/i0.wp.com\/itayachtscanada.com\/wp-content\/uploads\/2025\/06\/Capture-decran-le-2025-06-06-a-15.29.12.jpg?resize=900%2C600&amp;ssl=1 900w, https:\/\/i0.wp.com\/itayachtscanada.com\/wp-content\/uploads\/2025\/06\/Capture-decran-le-2025-06-06-a-15.29.12.jpg?resize=603%2C400&amp;ssl=1 603w, https:\/\/i0.wp.com\/itayachtscanada.com\/wp-content\/uploads\/2025\/06\/Capture-decran-le-2025-06-06-a-15.29.12.jpg?w=1436&amp;ssl=1 1436w\" sizes=\"auto, (max-width: 300px) 100vw, 300px\" \/> <img data-recalc-dims=\"1\" loading=\"lazy\" decoding=\"async\" data-attachment-id=\"264463\" data-permalink=\"https:\/\/itayachtscanada.com\/fr\/listing\/aquila-54-2023-1859000-usd-for-sale\/capture-decran-le-2025-06-06-a-15-29-02\/\" data-orig-file=\"https:\/\/i0.wp.com\/itayachtscanada.com\/wp-content\/uploads\/2025\/06\/Capture-decran-le-2025-06-06-a-15.29.02.jpg?fit=1436%2C952&amp;ssl=1\" data-orig-size=\"1436,952\" data-comments-opened=\"1\" data-image-meta=\"{&quot;aperture&quot;:&quot;0&quot;,&quot;credit&quot;:&quot;&quot;,&quot;camera&quot;:&quot;&quot;,&quot;caption&quot;:&quot;&quot;,&quot;created_timestamp&quot;:&quot;0&quot;,&quot;copyright&quot;:&quot;&quot;,&quot;focal_length&quot;:&quot;0&quot;,&quot;iso&quot;:&quot;0&quot;,&quot;shutter_speed&quot;:&quot;0&quot;,&quot;title&quot;:&quot;&quot;,&quot;orientation&quot;:&quot;0&quot;}\" data-image-title=\"Capture d\u2019e\u0301cran, le 2025-06-06 a\u0300 15.29.02\" data-image-description=\"\" data-image-caption=\"\" data-large-file=\"https:\/\/i0.wp.com\/itayachtscanada.com\/wp-content\/uploads\/2025\/06\/Capture-decran-le-2025-06-06-a-15.29.02.jpg?fit=700%2C464&amp;ssl=1\" class=\"alignnone size-medium wp-image-264463\" src=\"https:\/\/i0.wp.com\/itayachtscanada.com\/wp-content\/uploads\/2025\/06\/Capture-decran-le-2025-06-06-a-15.29.02.jpg?resize=300%2C199&#038;ssl=1\" alt=\"\" width=\"300\" height=\"199\" srcset=\"https:\/\/i0.wp.com\/itayachtscanada.com\/wp-content\/uploads\/2025\/06\/Capture-decran-le-2025-06-06-a-15.29.02.jpg?resize=300%2C199&amp;ssl=1 300w, https:\/\/i0.wp.com\/itayachtscanada.com\/wp-content\/uploads\/2025\/06\/Capture-decran-le-2025-06-06-a-15.29.02.jpg?resize=1024%2C679&amp;ssl=1 1024w, https:\/\/i0.wp.com\/itayachtscanada.com\/wp-content\/uploads\/2025\/06\/Capture-decran-le-2025-06-06-a-15.29.02.jpg?resize=768%2C509&amp;ssl=1 768w, https:\/\/i0.wp.com\/itayachtscanada.com\/wp-content\/uploads\/2025\/06\/Capture-decran-le-2025-06-06-a-15.29.02.jpg?resize=700%2C464&amp;ssl=1 700w, https:\/\/i0.wp.com\/itayachtscanada.com\/wp-content\/uploads\/2025\/06\/Capture-decran-le-2025-06-06-a-15.29.02.jpg?resize=900%2C600&amp;ssl=1 900w, https:\/\/i0.wp.com\/itayachtscanada.com\/wp-content\/uploads\/2025\/06\/Capture-decran-le-2025-06-06-a-15.29.02.jpg?resize=603%2C400&amp;ssl=1 603w, https:\/\/i0.wp.com\/itayachtscanada.com\/wp-content\/uploads\/2025\/06\/Capture-decran-le-2025-06-06-a-15.29.02.jpg?w=1436&amp;ssl=1 1436w\" sizes=\"auto, (max-width: 300px) 100vw, 300px\" \/> <img data-recalc-dims=\"1\" loading=\"lazy\" decoding=\"async\" data-attachment-id=\"264464\" data-permalink=\"https:\/\/itayachtscanada.com\/fr\/listing\/aquila-54-2023-1859000-usd-for-sale\/capture-decran-le-2025-06-06-a-15-24-57\/\" data-orig-file=\"https:\/\/i0.wp.com\/itayachtscanada.com\/wp-content\/uploads\/2025\/06\/Capture-decran-le-2025-06-06-a-15.24.57.jpg?fit=1436%2C952&amp;ssl=1\" data-orig-size=\"1436,952\" data-comments-opened=\"1\" data-image-meta=\"{&quot;aperture&quot;:&quot;0&quot;,&quot;credit&quot;:&quot;&quot;,&quot;camera&quot;:&quot;&quot;,&quot;caption&quot;:&quot;&quot;,&quot;created_timestamp&quot;:&quot;0&quot;,&quot;copyright&quot;:&quot;&quot;,&quot;focal_length&quot;:&quot;0&quot;,&quot;iso&quot;:&quot;0&quot;,&quot;shutter_speed&quot;:&quot;0&quot;,&quot;title&quot;:&quot;&quot;,&quot;orientation&quot;:&quot;0&quot;}\" data-image-title=\"Capture d\u2019e\u0301cran, le 2025-06-06 a\u0300 15.24.57\" data-image-description=\"\" data-image-caption=\"\" data-large-file=\"https:\/\/i0.wp.com\/itayachtscanada.com\/wp-content\/uploads\/2025\/06\/Capture-decran-le-2025-06-06-a-15.24.57.jpg?fit=700%2C464&amp;ssl=1\" class=\"alignnone size-medium wp-image-264464\" src=\"https:\/\/i0.wp.com\/itayachtscanada.com\/wp-content\/uploads\/2025\/06\/Capture-decran-le-2025-06-06-a-15.24.57.jpg?resize=300%2C199&#038;ssl=1\" alt=\"\" width=\"300\" height=\"199\" srcset=\"https:\/\/i0.wp.com\/itayachtscanada.com\/wp-content\/uploads\/2025\/06\/Capture-decran-le-2025-06-06-a-15.24.57.jpg?resize=300%2C199&amp;ssl=1 300w, https:\/\/i0.wp.com\/itayachtscanada.com\/wp-content\/uploads\/2025\/06\/Capture-decran-le-2025-06-06-a-15.24.57.jpg?resize=1024%2C679&amp;ssl=1 1024w, https:\/\/i0.wp.com\/itayachtscanada.com\/wp-content\/uploads\/2025\/06\/Capture-decran-le-2025-06-06-a-15.24.57.jpg?resize=768%2C509&amp;ssl=1 768w, https:\/\/i0.wp.com\/itayachtscanada.com\/wp-content\/uploads\/2025\/06\/Capture-decran-le-2025-06-06-a-15.24.57.jpg?resize=700%2C464&amp;ssl=1 700w, https:\/\/i0.wp.com\/itayachtscanada.com\/wp-content\/uploads\/2025\/06\/Capture-decran-le-2025-06-06-a-15.24.57.jpg?resize=900%2C600&amp;ssl=1 900w, https:\/\/i0.wp.com\/itayachtscanada.com\/wp-content\/uploads\/2025\/06\/Capture-decran-le-2025-06-06-a-15.24.57.jpg?resize=603%2C400&amp;ssl=1 603w, https:\/\/i0.wp.com\/itayachtscanada.com\/wp-content\/uploads\/2025\/06\/Capture-decran-le-2025-06-06-a-15.24.57.jpg?w=1436&amp;ssl=1 1436w\" sizes=\"auto, (max-width: 300px) 100vw, 300px\" \/> <img data-recalc-dims=\"1\" loading=\"lazy\" decoding=\"async\" data-attachment-id=\"264465\" data-permalink=\"https:\/\/itayachtscanada.com\/fr\/listing\/aquila-54-2023-1859000-usd-for-sale\/capture-decran-le-2025-06-06-a-15-24-47\/\" data-orig-file=\"https:\/\/i0.wp.com\/itayachtscanada.com\/wp-content\/uploads\/2025\/06\/Capture-decran-le-2025-06-06-a-15.24.47.jpg?fit=1436%2C952&amp;ssl=1\" data-orig-size=\"1436,952\" data-comments-opened=\"1\" data-image-meta=\"{&quot;aperture&quot;:&quot;0&quot;,&quot;credit&quot;:&quot;&quot;,&quot;camera&quot;:&quot;&quot;,&quot;caption&quot;:&quot;&quot;,&quot;created_timestamp&quot;:&quot;0&quot;,&quot;copyright&quot;:&quot;&quot;,&quot;focal_length&quot;:&quot;0&quot;,&quot;iso&quot;:&quot;0&quot;,&quot;shutter_speed&quot;:&quot;0&quot;,&quot;title&quot;:&quot;&quot;,&quot;orientation&quot;:&quot;0&quot;}\" data-image-title=\"Capture d\u2019e\u0301cran, le 2025-06-06 a\u0300 15.24.47\" data-image-description=\"\" data-image-caption=\"\" data-large-file=\"https:\/\/i0.wp.com\/itayachtscanada.com\/wp-content\/uploads\/2025\/06\/Capture-decran-le-2025-06-06-a-15.24.47.jpg?fit=700%2C464&amp;ssl=1\" class=\"alignnone size-medium wp-image-264465\" src=\"https:\/\/i0.wp.com\/itayachtscanada.com\/wp-content\/uploads\/2025\/06\/Capture-decran-le-2025-06-06-a-15.24.47.jpg?resize=300%2C199&#038;ssl=1\" alt=\"\" width=\"300\" height=\"199\" srcset=\"https:\/\/i0.wp.com\/itayachtscanada.com\/wp-content\/uploads\/2025\/06\/Capture-decran-le-2025-06-06-a-15.24.47.jpg?resize=300%2C199&amp;ssl=1 300w, https:\/\/i0.wp.com\/itayachtscanada.com\/wp-content\/uploads\/2025\/06\/Capture-decran-le-2025-06-06-a-15.24.47.jpg?resize=1024%2C679&amp;ssl=1 1024w, https:\/\/i0.wp.com\/itayachtscanada.com\/wp-content\/uploads\/2025\/06\/Capture-decran-le-2025-06-06-a-15.24.47.jpg?resize=768%2C509&amp;ssl=1 768w, https:\/\/i0.wp.com\/itayachtscanada.com\/wp-content\/uploads\/2025\/06\/Capture-decran-le-2025-06-06-a-15.24.47.jpg?resize=700%2C464&amp;ssl=1 700w, https:\/\/i0.wp.com\/itayachtscanada.com\/wp-content\/uploads\/2025\/06\/Capture-decran-le-2025-06-06-a-15.24.47.jpg?resize=900%2C600&amp;ssl=1 900w, https:\/\/i0.wp.com\/itayachtscanada.com\/wp-content\/uploads\/2025\/06\/Capture-decran-le-2025-06-06-a-15.24.47.jpg?resize=603%2C400&amp;ssl=1 603w, https:\/\/i0.wp.com\/itayachtscanada.com\/wp-content\/uploads\/2025\/06\/Capture-decran-le-2025-06-06-a-15.24.47.jpg?w=1436&amp;ssl=1 1436w\" sizes=\"auto, (max-width: 300px) 100vw, 300px\" \/> <img data-recalc-dims=\"1\" loading=\"lazy\" decoding=\"async\" data-attachment-id=\"264466\" data-permalink=\"https:\/\/itayachtscanada.com\/fr\/listing\/aquila-54-2023-1859000-usd-for-sale\/capture-decran-le-2025-06-06-a-15-24-41\/\" data-orig-file=\"https:\/\/i0.wp.com\/itayachtscanada.com\/wp-content\/uploads\/2025\/06\/Capture-decran-le-2025-06-06-a-15.24.41.jpg?fit=1436%2C952&amp;ssl=1\" data-orig-size=\"1436,952\" data-comments-opened=\"1\" data-image-meta=\"{&quot;aperture&quot;:&quot;0&quot;,&quot;credit&quot;:&quot;&quot;,&quot;camera&quot;:&quot;&quot;,&quot;caption&quot;:&quot;&quot;,&quot;created_timestamp&quot;:&quot;0&quot;,&quot;copyright&quot;:&quot;&quot;,&quot;focal_length&quot;:&quot;0&quot;,&quot;iso&quot;:&quot;0&quot;,&quot;shutter_speed&quot;:&quot;0&quot;,&quot;title&quot;:&quot;&quot;,&quot;orientation&quot;:&quot;0&quot;}\" data-image-title=\"Capture d\u2019e\u0301cran, le 2025-06-06 a\u0300 15.24.41\" data-image-description=\"\" data-image-caption=\"\" data-large-file=\"https:\/\/i0.wp.com\/itayachtscanada.com\/wp-content\/uploads\/2025\/06\/Capture-decran-le-2025-06-06-a-15.24.41.jpg?fit=700%2C464&amp;ssl=1\" class=\"alignnone size-medium wp-image-264466\" src=\"https:\/\/i0.wp.com\/itayachtscanada.com\/wp-content\/uploads\/2025\/06\/Capture-decran-le-2025-06-06-a-15.24.41.jpg?resize=300%2C199&#038;ssl=1\" alt=\"\" width=\"300\" height=\"199\" srcset=\"https:\/\/i0.wp.com\/itayachtscanada.com\/wp-content\/uploads\/2025\/06\/Capture-decran-le-2025-06-06-a-15.24.41.jpg?resize=300%2C199&amp;ssl=1 300w, https:\/\/i0.wp.com\/itayachtscanada.com\/wp-content\/uploads\/2025\/06\/Capture-decran-le-2025-06-06-a-15.24.41.jpg?resize=1024%2C679&amp;ssl=1 1024w, https:\/\/i0.wp.com\/itayachtscanada.com\/wp-content\/uploads\/2025\/06\/Capture-decran-le-2025-06-06-a-15.24.41.jpg?resize=768%2C509&amp;ssl=1 768w, https:\/\/i0.wp.com\/itayachtscanada.com\/wp-content\/uploads\/2025\/06\/Capture-decran-le-2025-06-06-a-15.24.41.jpg?resize=700%2C464&amp;ssl=1 700w, https:\/\/i0.wp.com\/itayachtscanada.com\/wp-content\/uploads\/2025\/06\/Capture-decran-le-2025-06-06-a-15.24.41.jpg?resize=900%2C600&amp;ssl=1 900w, https:\/\/i0.wp.com\/itayachtscanada.com\/wp-content\/uploads\/2025\/06\/Capture-decran-le-2025-06-06-a-15.24.41.jpg?resize=603%2C400&amp;ssl=1 603w, https:\/\/i0.wp.com\/itayachtscanada.com\/wp-content\/uploads\/2025\/06\/Capture-decran-le-2025-06-06-a-15.24.41.jpg?w=1436&amp;ssl=1 1436w\" sizes=\"auto, (max-width: 300px) 100vw, 300px\" \/> <img data-recalc-dims=\"1\" loading=\"lazy\" decoding=\"async\" data-attachment-id=\"264467\" data-permalink=\"https:\/\/itayachtscanada.com\/fr\/listing\/aquila-54-2023-1859000-usd-for-sale\/capture-decran-le-2025-06-06-a-15-24-35\/\" data-orig-file=\"https:\/\/i0.wp.com\/itayachtscanada.com\/wp-content\/uploads\/2025\/06\/Capture-decran-le-2025-06-06-a-15.24.35.jpg?fit=1436%2C952&amp;ssl=1\" data-orig-size=\"1436,952\" data-comments-opened=\"1\" data-image-meta=\"{&quot;aperture&quot;:&quot;0&quot;,&quot;credit&quot;:&quot;&quot;,&quot;camera&quot;:&quot;&quot;,&quot;caption&quot;:&quot;&quot;,&quot;created_timestamp&quot;:&quot;0&quot;,&quot;copyright&quot;:&quot;&quot;,&quot;focal_length&quot;:&quot;0&quot;,&quot;iso&quot;:&quot;0&quot;,&quot;shutter_speed&quot;:&quot;0&quot;,&quot;title&quot;:&quot;&quot;,&quot;orientation&quot;:&quot;0&quot;}\" data-image-title=\"Capture d\u2019e\u0301cran, le 2025-06-06 a\u0300 15.24.35\" data-image-description=\"\" data-image-caption=\"\" data-large-file=\"https:\/\/i0.wp.com\/itayachtscanada.com\/wp-content\/uploads\/2025\/06\/Capture-decran-le-2025-06-06-a-15.24.35.jpg?fit=700%2C464&amp;ssl=1\" class=\"alignnone size-medium wp-image-264467\" src=\"https:\/\/i0.wp.com\/itayachtscanada.com\/wp-content\/uploads\/2025\/06\/Capture-decran-le-2025-06-06-a-15.24.35.jpg?resize=300%2C199&#038;ssl=1\" alt=\"\" width=\"300\" height=\"199\" srcset=\"https:\/\/i0.wp.com\/itayachtscanada.com\/wp-content\/uploads\/2025\/06\/Capture-decran-le-2025-06-06-a-15.24.35.jpg?resize=300%2C199&amp;ssl=1 300w, https:\/\/i0.wp.com\/itayachtscanada.com\/wp-content\/uploads\/2025\/06\/Capture-decran-le-2025-06-06-a-15.24.35.jpg?resize=1024%2C679&amp;ssl=1 1024w, https:\/\/i0.wp.com\/itayachtscanada.com\/wp-content\/uploads\/2025\/06\/Capture-decran-le-2025-06-06-a-15.24.35.jpg?resize=768%2C509&amp;ssl=1 768w, https:\/\/i0.wp.com\/itayachtscanada.com\/wp-content\/uploads\/2025\/06\/Capture-decran-le-2025-06-06-a-15.24.35.jpg?resize=700%2C464&amp;ssl=1 700w, https:\/\/i0.wp.com\/itayachtscanada.com\/wp-content\/uploads\/2025\/06\/Capture-decran-le-2025-06-06-a-15.24.35.jpg?resize=900%2C600&amp;ssl=1 900w, https:\/\/i0.wp.com\/itayachtscanada.com\/wp-content\/uploads\/2025\/06\/Capture-decran-le-2025-06-06-a-15.24.35.jpg?resize=603%2C400&amp;ssl=1 603w, https:\/\/i0.wp.com\/itayachtscanada.com\/wp-content\/uploads\/2025\/06\/Capture-decran-le-2025-06-06-a-15.24.35.jpg?w=1436&amp;ssl=1 1436w\" sizes=\"auto, (max-width: 300px) 100vw, 300px\" \/> <img data-recalc-dims=\"1\" loading=\"lazy\" decoding=\"async\" data-attachment-id=\"264468\" data-permalink=\"https:\/\/itayachtscanada.com\/fr\/listing\/aquila-54-2023-1859000-usd-for-sale\/capture-decran-le-2025-06-06-a-15-24-31\/\" data-orig-file=\"https:\/\/i0.wp.com\/itayachtscanada.com\/wp-content\/uploads\/2025\/06\/Capture-decran-le-2025-06-06-a-15.24.31.jpg?fit=1436%2C952&amp;ssl=1\" data-orig-size=\"1436,952\" data-comments-opened=\"1\" data-image-meta=\"{&quot;aperture&quot;:&quot;0&quot;,&quot;credit&quot;:&quot;&quot;,&quot;camera&quot;:&quot;&quot;,&quot;caption&quot;:&quot;&quot;,&quot;created_timestamp&quot;:&quot;0&quot;,&quot;copyright&quot;:&quot;&quot;,&quot;focal_length&quot;:&quot;0&quot;,&quot;iso&quot;:&quot;0&quot;,&quot;shutter_speed&quot;:&quot;0&quot;,&quot;title&quot;:&quot;&quot;,&quot;orientation&quot;:&quot;0&quot;}\" data-image-title=\"Capture d\u2019e\u0301cran, le 2025-06-06 a\u0300 15.24.31\" data-image-description=\"\" data-image-caption=\"\" data-large-file=\"https:\/\/i0.wp.com\/itayachtscanada.com\/wp-content\/uploads\/2025\/06\/Capture-decran-le-2025-06-06-a-15.24.31.jpg?fit=700%2C464&amp;ssl=1\" class=\"alignnone size-medium wp-image-264468\" src=\"https:\/\/i0.wp.com\/itayachtscanada.com\/wp-content\/uploads\/2025\/06\/Capture-decran-le-2025-06-06-a-15.24.31.jpg?resize=300%2C199&#038;ssl=1\" alt=\"\" width=\"300\" height=\"199\" srcset=\"https:\/\/i0.wp.com\/itayachtscanada.com\/wp-content\/uploads\/2025\/06\/Capture-decran-le-2025-06-06-a-15.24.31.jpg?resize=300%2C199&amp;ssl=1 300w, https:\/\/i0.wp.com\/itayachtscanada.com\/wp-content\/uploads\/2025\/06\/Capture-decran-le-2025-06-06-a-15.24.31.jpg?resize=1024%2C679&amp;ssl=1 1024w, https:\/\/i0.wp.com\/itayachtscanada.com\/wp-content\/uploads\/2025\/06\/Capture-decran-le-2025-06-06-a-15.24.31.jpg?resize=768%2C509&amp;ssl=1 768w, https:\/\/i0.wp.com\/itayachtscanada.com\/wp-content\/uploads\/2025\/06\/Capture-decran-le-2025-06-06-a-15.24.31.jpg?resize=700%2C464&amp;ssl=1 700w, https:\/\/i0.wp.com\/itayachtscanada.com\/wp-content\/uploads\/2025\/06\/Capture-decran-le-2025-06-06-a-15.24.31.jpg?resize=900%2C600&amp;ssl=1 900w, https:\/\/i0.wp.com\/itayachtscanada.com\/wp-content\/uploads\/2025\/06\/Capture-decran-le-2025-06-06-a-15.24.31.jpg?resize=603%2C400&amp;ssl=1 603w, https:\/\/i0.wp.com\/itayachtscanada.com\/wp-content\/uploads\/2025\/06\/Capture-decran-le-2025-06-06-a-15.24.31.jpg?w=1436&amp;ssl=1 1436w\" sizes=\"auto, (max-width: 300px) 100vw, 300px\" \/> <img data-recalc-dims=\"1\" loading=\"lazy\" decoding=\"async\" data-attachment-id=\"264469\" data-permalink=\"https:\/\/itayachtscanada.com\/fr\/listing\/aquila-54-2023-1859000-usd-for-sale\/capture-decran-le-2025-06-06-a-15-24-26\/\" data-orig-file=\"https:\/\/i0.wp.com\/itayachtscanada.com\/wp-content\/uploads\/2025\/06\/Capture-decran-le-2025-06-06-a-15.24.26.jpg?fit=1436%2C952&amp;ssl=1\" data-orig-size=\"1436,952\" data-comments-opened=\"1\" data-image-meta=\"{&quot;aperture&quot;:&quot;0&quot;,&quot;credit&quot;:&quot;&quot;,&quot;camera&quot;:&quot;&quot;,&quot;caption&quot;:&quot;&quot;,&quot;created_timestamp&quot;:&quot;0&quot;,&quot;copyright&quot;:&quot;&quot;,&quot;focal_length&quot;:&quot;0&quot;,&quot;iso&quot;:&quot;0&quot;,&quot;shutter_speed&quot;:&quot;0&quot;,&quot;title&quot;:&quot;&quot;,&quot;orientation&quot;:&quot;0&quot;}\" data-image-title=\"Capture d\u2019e\u0301cran, le 2025-06-06 a\u0300 15.24.26\" data-image-description=\"\" data-image-caption=\"\" data-large-file=\"https:\/\/i0.wp.com\/itayachtscanada.com\/wp-content\/uploads\/2025\/06\/Capture-decran-le-2025-06-06-a-15.24.26.jpg?fit=700%2C464&amp;ssl=1\" class=\"alignnone size-medium wp-image-264469\" src=\"https:\/\/i0.wp.com\/itayachtscanada.com\/wp-content\/uploads\/2025\/06\/Capture-decran-le-2025-06-06-a-15.24.26.jpg?resize=300%2C199&#038;ssl=1\" alt=\"\" width=\"300\" height=\"199\" srcset=\"https:\/\/i0.wp.com\/itayachtscanada.com\/wp-content\/uploads\/2025\/06\/Capture-decran-le-2025-06-06-a-15.24.26.jpg?resize=300%2C199&amp;ssl=1 300w, https:\/\/i0.wp.com\/itayachtscanada.com\/wp-content\/uploads\/2025\/06\/Capture-decran-le-2025-06-06-a-15.24.26.jpg?resize=1024%2C679&amp;ssl=1 1024w, https:\/\/i0.wp.com\/itayachtscanada.com\/wp-content\/uploads\/2025\/06\/Capture-decran-le-2025-06-06-a-15.24.26.jpg?resize=768%2C509&amp;ssl=1 768w, https:\/\/i0.wp.com\/itayachtscanada.com\/wp-content\/uploads\/2025\/06\/Capture-decran-le-2025-06-06-a-15.24.26.jpg?resize=700%2C464&amp;ssl=1 700w, https:\/\/i0.wp.com\/itayachtscanada.com\/wp-content\/uploads\/2025\/06\/Capture-decran-le-2025-06-06-a-15.24.26.jpg?resize=900%2C600&amp;ssl=1 900w, https:\/\/i0.wp.com\/itayachtscanada.com\/wp-content\/uploads\/2025\/06\/Capture-decran-le-2025-06-06-a-15.24.26.jpg?resize=603%2C400&amp;ssl=1 603w, https:\/\/i0.wp.com\/itayachtscanada.com\/wp-content\/uploads\/2025\/06\/Capture-decran-le-2025-06-06-a-15.24.26.jpg?w=1436&amp;ssl=1 1436w\" sizes=\"auto, (max-width: 300px) 100vw, 300px\" \/> <img data-recalc-dims=\"1\" loading=\"lazy\" decoding=\"async\" data-attachment-id=\"264470\" data-permalink=\"https:\/\/itayachtscanada.com\/fr\/listing\/aquila-54-2023-1859000-usd-for-sale\/capture-decran-le-2025-06-06-a-15-24-21\/\" data-orig-file=\"https:\/\/i0.wp.com\/itayachtscanada.com\/wp-content\/uploads\/2025\/06\/Capture-decran-le-2025-06-06-a-15.24.21.jpg?fit=1436%2C952&amp;ssl=1\" data-orig-size=\"1436,952\" data-comments-opened=\"1\" data-image-meta=\"{&quot;aperture&quot;:&quot;0&quot;,&quot;credit&quot;:&quot;&quot;,&quot;camera&quot;:&quot;&quot;,&quot;caption&quot;:&quot;&quot;,&quot;created_timestamp&quot;:&quot;0&quot;,&quot;copyright&quot;:&quot;&quot;,&quot;focal_length&quot;:&quot;0&quot;,&quot;iso&quot;:&quot;0&quot;,&quot;shutter_speed&quot;:&quot;0&quot;,&quot;title&quot;:&quot;&quot;,&quot;orientation&quot;:&quot;0&quot;}\" data-image-title=\"Capture d\u2019e\u0301cran, le 2025-06-06 a\u0300 15.24.21\" data-image-description=\"\" data-image-caption=\"\" data-large-file=\"https:\/\/i0.wp.com\/itayachtscanada.com\/wp-content\/uploads\/2025\/06\/Capture-decran-le-2025-06-06-a-15.24.21.jpg?fit=700%2C464&amp;ssl=1\" class=\"alignnone size-medium wp-image-264470\" src=\"https:\/\/i0.wp.com\/itayachtscanada.com\/wp-content\/uploads\/2025\/06\/Capture-decran-le-2025-06-06-a-15.24.21.jpg?resize=300%2C199&#038;ssl=1\" alt=\"\" width=\"300\" height=\"199\" srcset=\"https:\/\/i0.wp.com\/itayachtscanada.com\/wp-content\/uploads\/2025\/06\/Capture-decran-le-2025-06-06-a-15.24.21.jpg?resize=300%2C199&amp;ssl=1 300w, https:\/\/i0.wp.com\/itayachtscanada.com\/wp-content\/uploads\/2025\/06\/Capture-decran-le-2025-06-06-a-15.24.21.jpg?resize=1024%2C679&amp;ssl=1 1024w, https:\/\/i0.wp.com\/itayachtscanada.com\/wp-content\/uploads\/2025\/06\/Capture-decran-le-2025-06-06-a-15.24.21.jpg?resize=768%2C509&amp;ssl=1 768w, https:\/\/i0.wp.com\/itayachtscanada.com\/wp-content\/uploads\/2025\/06\/Capture-decran-le-2025-06-06-a-15.24.21.jpg?resize=700%2C464&amp;ssl=1 700w, https:\/\/i0.wp.com\/itayachtscanada.com\/wp-content\/uploads\/2025\/06\/Capture-decran-le-2025-06-06-a-15.24.21.jpg?resize=900%2C600&amp;ssl=1 900w, https:\/\/i0.wp.com\/itayachtscanada.com\/wp-content\/uploads\/2025\/06\/Capture-decran-le-2025-06-06-a-15.24.21.jpg?resize=603%2C400&amp;ssl=1 603w, https:\/\/i0.wp.com\/itayachtscanada.com\/wp-content\/uploads\/2025\/06\/Capture-decran-le-2025-06-06-a-15.24.21.jpg?w=1436&amp;ssl=1 1436w\" sizes=\"auto, (max-width: 300px) 100vw, 300px\" \/> <img data-recalc-dims=\"1\" loading=\"lazy\" decoding=\"async\" data-attachment-id=\"264471\" data-permalink=\"https:\/\/itayachtscanada.com\/fr\/listing\/aquila-54-2023-1859000-usd-for-sale\/capture-decran-le-2025-06-06-a-15-24-16\/\" data-orig-file=\"https:\/\/i0.wp.com\/itayachtscanada.com\/wp-content\/uploads\/2025\/06\/Capture-decran-le-2025-06-06-a-15.24.16.jpg?fit=1436%2C952&amp;ssl=1\" data-orig-size=\"1436,952\" data-comments-opened=\"1\" data-image-meta=\"{&quot;aperture&quot;:&quot;0&quot;,&quot;credit&quot;:&quot;&quot;,&quot;camera&quot;:&quot;&quot;,&quot;caption&quot;:&quot;&quot;,&quot;created_timestamp&quot;:&quot;0&quot;,&quot;copyright&quot;:&quot;&quot;,&quot;focal_length&quot;:&quot;0&quot;,&quot;iso&quot;:&quot;0&quot;,&quot;shutter_speed&quot;:&quot;0&quot;,&quot;title&quot;:&quot;&quot;,&quot;orientation&quot;:&quot;0&quot;}\" data-image-title=\"Capture d\u2019e\u0301cran, le 2025-06-06 a\u0300 15.24.16\" data-image-description=\"\" data-image-caption=\"\" data-large-file=\"https:\/\/i0.wp.com\/itayachtscanada.com\/wp-content\/uploads\/2025\/06\/Capture-decran-le-2025-06-06-a-15.24.16.jpg?fit=700%2C464&amp;ssl=1\" class=\"alignnone size-medium wp-image-264471\" src=\"https:\/\/i0.wp.com\/itayachtscanada.com\/wp-content\/uploads\/2025\/06\/Capture-decran-le-2025-06-06-a-15.24.16.jpg?resize=300%2C199&#038;ssl=1\" alt=\"\" width=\"300\" height=\"199\" srcset=\"https:\/\/i0.wp.com\/itayachtscanada.com\/wp-content\/uploads\/2025\/06\/Capture-decran-le-2025-06-06-a-15.24.16.jpg?resize=300%2C199&amp;ssl=1 300w, https:\/\/i0.wp.com\/itayachtscanada.com\/wp-content\/uploads\/2025\/06\/Capture-decran-le-2025-06-06-a-15.24.16.jpg?resize=1024%2C679&amp;ssl=1 1024w, https:\/\/i0.wp.com\/itayachtscanada.com\/wp-content\/uploads\/2025\/06\/Capture-decran-le-2025-06-06-a-15.24.16.jpg?resize=768%2C509&amp;ssl=1 768w, https:\/\/i0.wp.com\/itayachtscanada.com\/wp-content\/uploads\/2025\/06\/Capture-decran-le-2025-06-06-a-15.24.16.jpg?resize=700%2C464&amp;ssl=1 700w, https:\/\/i0.wp.com\/itayachtscanada.com\/wp-content\/uploads\/2025\/06\/Capture-decran-le-2025-06-06-a-15.24.16.jpg?resize=900%2C600&amp;ssl=1 900w, https:\/\/i0.wp.com\/itayachtscanada.com\/wp-content\/uploads\/2025\/06\/Capture-decran-le-2025-06-06-a-15.24.16.jpg?resize=603%2C400&amp;ssl=1 603w, https:\/\/i0.wp.com\/itayachtscanada.com\/wp-content\/uploads\/2025\/06\/Capture-decran-le-2025-06-06-a-15.24.16.jpg?w=1436&amp;ssl=1 1436w\" sizes=\"auto, (max-width: 300px) 100vw, 300px\" \/> <img data-recalc-dims=\"1\" loading=\"lazy\" decoding=\"async\" data-attachment-id=\"264472\" data-permalink=\"https:\/\/itayachtscanada.com\/fr\/listing\/aquila-54-2023-1859000-usd-for-sale\/capture-decran-le-2025-06-06-a-15-24-12\/\" data-orig-file=\"https:\/\/i0.wp.com\/itayachtscanada.com\/wp-content\/uploads\/2025\/06\/Capture-decran-le-2025-06-06-a-15.24.12.jpg?fit=1436%2C952&amp;ssl=1\" data-orig-size=\"1436,952\" data-comments-opened=\"1\" data-image-meta=\"{&quot;aperture&quot;:&quot;0&quot;,&quot;credit&quot;:&quot;&quot;,&quot;camera&quot;:&quot;&quot;,&quot;caption&quot;:&quot;&quot;,&quot;created_timestamp&quot;:&quot;0&quot;,&quot;copyright&quot;:&quot;&quot;,&quot;focal_length&quot;:&quot;0&quot;,&quot;iso&quot;:&quot;0&quot;,&quot;shutter_speed&quot;:&quot;0&quot;,&quot;title&quot;:&quot;&quot;,&quot;orientation&quot;:&quot;0&quot;}\" data-image-title=\"Capture d\u2019e\u0301cran, le 2025-06-06 a\u0300 15.24.12\" data-image-description=\"\" data-image-caption=\"\" data-large-file=\"https:\/\/i0.wp.com\/itayachtscanada.com\/wp-content\/uploads\/2025\/06\/Capture-decran-le-2025-06-06-a-15.24.12.jpg?fit=700%2C464&amp;ssl=1\" class=\"alignnone size-medium wp-image-264472\" src=\"https:\/\/i0.wp.com\/itayachtscanada.com\/wp-content\/uploads\/2025\/06\/Capture-decran-le-2025-06-06-a-15.24.12.jpg?resize=300%2C199&#038;ssl=1\" alt=\"\" width=\"300\" height=\"199\" srcset=\"https:\/\/i0.wp.com\/itayachtscanada.com\/wp-content\/uploads\/2025\/06\/Capture-decran-le-2025-06-06-a-15.24.12.jpg?resize=300%2C199&amp;ssl=1 300w, https:\/\/i0.wp.com\/itayachtscanada.com\/wp-content\/uploads\/2025\/06\/Capture-decran-le-2025-06-06-a-15.24.12.jpg?resize=1024%2C679&amp;ssl=1 1024w, https:\/\/i0.wp.com\/itayachtscanada.com\/wp-content\/uploads\/2025\/06\/Capture-decran-le-2025-06-06-a-15.24.12.jpg?resize=768%2C509&amp;ssl=1 768w, https:\/\/i0.wp.com\/itayachtscanada.com\/wp-content\/uploads\/2025\/06\/Capture-decran-le-2025-06-06-a-15.24.12.jpg?resize=700%2C464&amp;ssl=1 700w, https:\/\/i0.wp.com\/itayachtscanada.com\/wp-content\/uploads\/2025\/06\/Capture-decran-le-2025-06-06-a-15.24.12.jpg?resize=900%2C600&amp;ssl=1 900w, https:\/\/i0.wp.com\/itayachtscanada.com\/wp-content\/uploads\/2025\/06\/Capture-decran-le-2025-06-06-a-15.24.12.jpg?resize=603%2C400&amp;ssl=1 603w, https:\/\/i0.wp.com\/itayachtscanada.com\/wp-content\/uploads\/2025\/06\/Capture-decran-le-2025-06-06-a-15.24.12.jpg?w=1436&amp;ssl=1 1436w\" sizes=\"auto, (max-width: 300px) 100vw, 300px\" \/> <img data-recalc-dims=\"1\" loading=\"lazy\" decoding=\"async\" data-attachment-id=\"264473\" data-permalink=\"https:\/\/itayachtscanada.com\/fr\/listing\/aquila-54-2023-1859000-usd-for-sale\/capture-decran-le-2025-06-06-a-15-24-07\/\" data-orig-file=\"https:\/\/i0.wp.com\/itayachtscanada.com\/wp-content\/uploads\/2025\/06\/Capture-decran-le-2025-06-06-a-15.24.07.jpg?fit=1436%2C952&amp;ssl=1\" data-orig-size=\"1436,952\" data-comments-opened=\"1\" data-image-meta=\"{&quot;aperture&quot;:&quot;0&quot;,&quot;credit&quot;:&quot;&quot;,&quot;camera&quot;:&quot;&quot;,&quot;caption&quot;:&quot;&quot;,&quot;created_timestamp&quot;:&quot;0&quot;,&quot;copyright&quot;:&quot;&quot;,&quot;focal_length&quot;:&quot;0&quot;,&quot;iso&quot;:&quot;0&quot;,&quot;shutter_speed&quot;:&quot;0&quot;,&quot;title&quot;:&quot;&quot;,&quot;orientation&quot;:&quot;0&quot;}\" data-image-title=\"Capture d\u2019e\u0301cran, le 2025-06-06 a\u0300 15.24.07\" data-image-description=\"\" data-image-caption=\"\" data-large-file=\"https:\/\/i0.wp.com\/itayachtscanada.com\/wp-content\/uploads\/2025\/06\/Capture-decran-le-2025-06-06-a-15.24.07.jpg?fit=700%2C464&amp;ssl=1\" class=\"alignnone size-medium wp-image-264473\" src=\"https:\/\/i0.wp.com\/itayachtscanada.com\/wp-content\/uploads\/2025\/06\/Capture-decran-le-2025-06-06-a-15.24.07.jpg?resize=300%2C199&#038;ssl=1\" alt=\"\" width=\"300\" height=\"199\" srcset=\"https:\/\/i0.wp.com\/itayachtscanada.com\/wp-content\/uploads\/2025\/06\/Capture-decran-le-2025-06-06-a-15.24.07.jpg?resize=300%2C199&amp;ssl=1 300w, https:\/\/i0.wp.com\/itayachtscanada.com\/wp-content\/uploads\/2025\/06\/Capture-decran-le-2025-06-06-a-15.24.07.jpg?resize=1024%2C679&amp;ssl=1 1024w, https:\/\/i0.wp.com\/itayachtscanada.com\/wp-content\/uploads\/2025\/06\/Capture-decran-le-2025-06-06-a-15.24.07.jpg?resize=768%2C509&amp;ssl=1 768w, https:\/\/i0.wp.com\/itayachtscanada.com\/wp-content\/uploads\/2025\/06\/Capture-decran-le-2025-06-06-a-15.24.07.jpg?resize=700%2C464&amp;ssl=1 700w, https:\/\/i0.wp.com\/itayachtscanada.com\/wp-content\/uploads\/2025\/06\/Capture-decran-le-2025-06-06-a-15.24.07.jpg?resize=900%2C600&amp;ssl=1 900w, https:\/\/i0.wp.com\/itayachtscanada.com\/wp-content\/uploads\/2025\/06\/Capture-decran-le-2025-06-06-a-15.24.07.jpg?resize=603%2C400&amp;ssl=1 603w, https:\/\/i0.wp.com\/itayachtscanada.com\/wp-content\/uploads\/2025\/06\/Capture-decran-le-2025-06-06-a-15.24.07.jpg?w=1436&amp;ssl=1 1436w\" sizes=\"auto, (max-width: 300px) 100vw, 300px\" \/> <img data-recalc-dims=\"1\" loading=\"lazy\" decoding=\"async\" data-attachment-id=\"264474\" data-permalink=\"https:\/\/itayachtscanada.com\/fr\/listing\/aquila-54-2023-1859000-usd-for-sale\/capture-decran-le-2025-06-06-a-15-24-03\/\" data-orig-file=\"https:\/\/i0.wp.com\/itayachtscanada.com\/wp-content\/uploads\/2025\/06\/Capture-decran-le-2025-06-06-a-15.24.03.jpg?fit=1436%2C952&amp;ssl=1\" data-orig-size=\"1436,952\" data-comments-opened=\"1\" data-image-meta=\"{&quot;aperture&quot;:&quot;0&quot;,&quot;credit&quot;:&quot;&quot;,&quot;camera&quot;:&quot;&quot;,&quot;caption&quot;:&quot;&quot;,&quot;created_timestamp&quot;:&quot;0&quot;,&quot;copyright&quot;:&quot;&quot;,&quot;focal_length&quot;:&quot;0&quot;,&quot;iso&quot;:&quot;0&quot;,&quot;shutter_speed&quot;:&quot;0&quot;,&quot;title&quot;:&quot;&quot;,&quot;orientation&quot;:&quot;0&quot;}\" data-image-title=\"Capture d\u2019e\u0301cran, le 2025-06-06 a\u0300 15.24.03\" data-image-description=\"\" data-image-caption=\"\" data-large-file=\"https:\/\/i0.wp.com\/itayachtscanada.com\/wp-content\/uploads\/2025\/06\/Capture-decran-le-2025-06-06-a-15.24.03.jpg?fit=700%2C464&amp;ssl=1\" class=\"alignnone size-medium wp-image-264474\" src=\"https:\/\/i0.wp.com\/itayachtscanada.com\/wp-content\/uploads\/2025\/06\/Capture-decran-le-2025-06-06-a-15.24.03.jpg?resize=300%2C199&#038;ssl=1\" alt=\"\" width=\"300\" height=\"199\" srcset=\"https:\/\/i0.wp.com\/itayachtscanada.com\/wp-content\/uploads\/2025\/06\/Capture-decran-le-2025-06-06-a-15.24.03.jpg?resize=300%2C199&amp;ssl=1 300w, https:\/\/i0.wp.com\/itayachtscanada.com\/wp-content\/uploads\/2025\/06\/Capture-decran-le-2025-06-06-a-15.24.03.jpg?resize=1024%2C679&amp;ssl=1 1024w, https:\/\/i0.wp.com\/itayachtscanada.com\/wp-content\/uploads\/2025\/06\/Capture-decran-le-2025-06-06-a-15.24.03.jpg?resize=768%2C509&amp;ssl=1 768w, https:\/\/i0.wp.com\/itayachtscanada.com\/wp-content\/uploads\/2025\/06\/Capture-decran-le-2025-06-06-a-15.24.03.jpg?resize=700%2C464&amp;ssl=1 700w, https:\/\/i0.wp.com\/itayachtscanada.com\/wp-content\/uploads\/2025\/06\/Capture-decran-le-2025-06-06-a-15.24.03.jpg?resize=900%2C600&amp;ssl=1 900w, https:\/\/i0.wp.com\/itayachtscanada.com\/wp-content\/uploads\/2025\/06\/Capture-decran-le-2025-06-06-a-15.24.03.jpg?resize=603%2C400&amp;ssl=1 603w, https:\/\/i0.wp.com\/itayachtscanada.com\/wp-content\/uploads\/2025\/06\/Capture-decran-le-2025-06-06-a-15.24.03.jpg?w=1436&amp;ssl=1 1436w\" sizes=\"auto, (max-width: 300px) 100vw, 300px\" \/> <img data-recalc-dims=\"1\" loading=\"lazy\" decoding=\"async\" data-attachment-id=\"264475\" data-permalink=\"https:\/\/itayachtscanada.com\/fr\/listing\/aquila-54-2023-1859000-usd-for-sale\/capture-decran-le-2025-06-06-a-15-23-58\/\" data-orig-file=\"https:\/\/i0.wp.com\/itayachtscanada.com\/wp-content\/uploads\/2025\/06\/Capture-decran-le-2025-06-06-a-15.23.58.jpg?fit=1436%2C952&amp;ssl=1\" data-orig-size=\"1436,952\" data-comments-opened=\"1\" data-image-meta=\"{&quot;aperture&quot;:&quot;0&quot;,&quot;credit&quot;:&quot;&quot;,&quot;camera&quot;:&quot;&quot;,&quot;caption&quot;:&quot;&quot;,&quot;created_timestamp&quot;:&quot;0&quot;,&quot;copyright&quot;:&quot;&quot;,&quot;focal_length&quot;:&quot;0&quot;,&quot;iso&quot;:&quot;0&quot;,&quot;shutter_speed&quot;:&quot;0&quot;,&quot;title&quot;:&quot;&quot;,&quot;orientation&quot;:&quot;0&quot;}\" data-image-title=\"Capture d\u2019e\u0301cran, le 2025-06-06 a\u0300 15.23.58\" data-image-description=\"\" data-image-caption=\"\" data-large-file=\"https:\/\/i0.wp.com\/itayachtscanada.com\/wp-content\/uploads\/2025\/06\/Capture-decran-le-2025-06-06-a-15.23.58.jpg?fit=700%2C464&amp;ssl=1\" class=\"alignnone size-medium wp-image-264475\" src=\"https:\/\/i0.wp.com\/itayachtscanada.com\/wp-content\/uploads\/2025\/06\/Capture-decran-le-2025-06-06-a-15.23.58.jpg?resize=300%2C199&#038;ssl=1\" alt=\"\" width=\"300\" height=\"199\" srcset=\"https:\/\/i0.wp.com\/itayachtscanada.com\/wp-content\/uploads\/2025\/06\/Capture-decran-le-2025-06-06-a-15.23.58.jpg?resize=300%2C199&amp;ssl=1 300w, https:\/\/i0.wp.com\/itayachtscanada.com\/wp-content\/uploads\/2025\/06\/Capture-decran-le-2025-06-06-a-15.23.58.jpg?resize=1024%2C679&amp;ssl=1 1024w, https:\/\/i0.wp.com\/itayachtscanada.com\/wp-content\/uploads\/2025\/06\/Capture-decran-le-2025-06-06-a-15.23.58.jpg?resize=768%2C509&amp;ssl=1 768w, https:\/\/i0.wp.com\/itayachtscanada.com\/wp-content\/uploads\/2025\/06\/Capture-decran-le-2025-06-06-a-15.23.58.jpg?resize=700%2C464&amp;ssl=1 700w, https:\/\/i0.wp.com\/itayachtscanada.com\/wp-content\/uploads\/2025\/06\/Capture-decran-le-2025-06-06-a-15.23.58.jpg?resize=900%2C600&amp;ssl=1 900w, https:\/\/i0.wp.com\/itayachtscanada.com\/wp-content\/uploads\/2025\/06\/Capture-decran-le-2025-06-06-a-15.23.58.jpg?resize=603%2C400&amp;ssl=1 603w, https:\/\/i0.wp.com\/itayachtscanada.com\/wp-content\/uploads\/2025\/06\/Capture-decran-le-2025-06-06-a-15.23.58.jpg?w=1436&amp;ssl=1 1436w\" sizes=\"auto, (max-width: 300px) 100vw, 300px\" \/> <img data-recalc-dims=\"1\" loading=\"lazy\" decoding=\"async\" data-attachment-id=\"264476\" data-permalink=\"https:\/\/itayachtscanada.com\/fr\/listing\/aquila-54-2023-1859000-usd-for-sale\/capture-decran-le-2025-06-06-a-15-23-54\/\" data-orig-file=\"https:\/\/i0.wp.com\/itayachtscanada.com\/wp-content\/uploads\/2025\/06\/Capture-decran-le-2025-06-06-a-15.23.54.jpg?fit=1436%2C952&amp;ssl=1\" data-orig-size=\"1436,952\" data-comments-opened=\"1\" data-image-meta=\"{&quot;aperture&quot;:&quot;0&quot;,&quot;credit&quot;:&quot;&quot;,&quot;camera&quot;:&quot;&quot;,&quot;caption&quot;:&quot;&quot;,&quot;created_timestamp&quot;:&quot;0&quot;,&quot;copyright&quot;:&quot;&quot;,&quot;focal_length&quot;:&quot;0&quot;,&quot;iso&quot;:&quot;0&quot;,&quot;shutter_speed&quot;:&quot;0&quot;,&quot;title&quot;:&quot;&quot;,&quot;orientation&quot;:&quot;0&quot;}\" data-image-title=\"Capture d\u2019e\u0301cran, le 2025-06-06 a\u0300 15.23.54\" data-image-description=\"\" data-image-caption=\"\" data-large-file=\"https:\/\/i0.wp.com\/itayachtscanada.com\/wp-content\/uploads\/2025\/06\/Capture-decran-le-2025-06-06-a-15.23.54.jpg?fit=700%2C464&amp;ssl=1\" class=\"alignnone size-medium wp-image-264476\" src=\"https:\/\/i0.wp.com\/itayachtscanada.com\/wp-content\/uploads\/2025\/06\/Capture-decran-le-2025-06-06-a-15.23.54.jpg?resize=300%2C199&#038;ssl=1\" alt=\"\" width=\"300\" height=\"199\" srcset=\"https:\/\/i0.wp.com\/itayachtscanada.com\/wp-content\/uploads\/2025\/06\/Capture-decran-le-2025-06-06-a-15.23.54.jpg?resize=300%2C199&amp;ssl=1 300w, https:\/\/i0.wp.com\/itayachtscanada.com\/wp-content\/uploads\/2025\/06\/Capture-decran-le-2025-06-06-a-15.23.54.jpg?resize=1024%2C679&amp;ssl=1 1024w, https:\/\/i0.wp.com\/itayachtscanada.com\/wp-content\/uploads\/2025\/06\/Capture-decran-le-2025-06-06-a-15.23.54.jpg?resize=768%2C509&amp;ssl=1 768w, https:\/\/i0.wp.com\/itayachtscanada.com\/wp-content\/uploads\/2025\/06\/Capture-decran-le-2025-06-06-a-15.23.54.jpg?resize=700%2C464&amp;ssl=1 700w, https:\/\/i0.wp.com\/itayachtscanada.com\/wp-content\/uploads\/2025\/06\/Capture-decran-le-2025-06-06-a-15.23.54.jpg?resize=900%2C600&amp;ssl=1 900w, https:\/\/i0.wp.com\/itayachtscanada.com\/wp-content\/uploads\/2025\/06\/Capture-decran-le-2025-06-06-a-15.23.54.jpg?resize=603%2C400&amp;ssl=1 603w, https:\/\/i0.wp.com\/itayachtscanada.com\/wp-content\/uploads\/2025\/06\/Capture-decran-le-2025-06-06-a-15.23.54.jpg?w=1436&amp;ssl=1 1436w\" sizes=\"auto, (max-width: 300px) 100vw, 300px\" \/> <img data-recalc-dims=\"1\" loading=\"lazy\" decoding=\"async\" data-attachment-id=\"264477\" data-permalink=\"https:\/\/itayachtscanada.com\/fr\/listing\/aquila-54-2023-1859000-usd-for-sale\/capture-decran-le-2025-06-06-a-15-23-50\/\" data-orig-file=\"https:\/\/i0.wp.com\/itayachtscanada.com\/wp-content\/uploads\/2025\/06\/Capture-decran-le-2025-06-06-a-15.23.50.jpg?fit=1436%2C952&amp;ssl=1\" data-orig-size=\"1436,952\" data-comments-opened=\"1\" data-image-meta=\"{&quot;aperture&quot;:&quot;0&quot;,&quot;credit&quot;:&quot;&quot;,&quot;camera&quot;:&quot;&quot;,&quot;caption&quot;:&quot;&quot;,&quot;created_timestamp&quot;:&quot;0&quot;,&quot;copyright&quot;:&quot;&quot;,&quot;focal_length&quot;:&quot;0&quot;,&quot;iso&quot;:&quot;0&quot;,&quot;shutter_speed&quot;:&quot;0&quot;,&quot;title&quot;:&quot;&quot;,&quot;orientation&quot;:&quot;0&quot;}\" data-image-title=\"Capture d\u2019e\u0301cran, le 2025-06-06 a\u0300 15.23.50\" data-image-description=\"\" data-image-caption=\"\" data-large-file=\"https:\/\/i0.wp.com\/itayachtscanada.com\/wp-content\/uploads\/2025\/06\/Capture-decran-le-2025-06-06-a-15.23.50.jpg?fit=700%2C464&amp;ssl=1\" class=\"alignnone size-medium wp-image-264477\" src=\"https:\/\/i0.wp.com\/itayachtscanada.com\/wp-content\/uploads\/2025\/06\/Capture-decran-le-2025-06-06-a-15.23.50.jpg?resize=300%2C199&#038;ssl=1\" alt=\"\" width=\"300\" height=\"199\" srcset=\"https:\/\/i0.wp.com\/itayachtscanada.com\/wp-content\/uploads\/2025\/06\/Capture-decran-le-2025-06-06-a-15.23.50.jpg?resize=300%2C199&amp;ssl=1 300w, https:\/\/i0.wp.com\/itayachtscanada.com\/wp-content\/uploads\/2025\/06\/Capture-decran-le-2025-06-06-a-15.23.50.jpg?resize=1024%2C679&amp;ssl=1 1024w, https:\/\/i0.wp.com\/itayachtscanada.com\/wp-content\/uploads\/2025\/06\/Capture-decran-le-2025-06-06-a-15.23.50.jpg?resize=768%2C509&amp;ssl=1 768w, https:\/\/i0.wp.com\/itayachtscanada.com\/wp-content\/uploads\/2025\/06\/Capture-decran-le-2025-06-06-a-15.23.50.jpg?resize=700%2C464&amp;ssl=1 700w, https:\/\/i0.wp.com\/itayachtscanada.com\/wp-content\/uploads\/2025\/06\/Capture-decran-le-2025-06-06-a-15.23.50.jpg?resize=900%2C600&amp;ssl=1 900w, https:\/\/i0.wp.com\/itayachtscanada.com\/wp-content\/uploads\/2025\/06\/Capture-decran-le-2025-06-06-a-15.23.50.jpg?resize=603%2C400&amp;ssl=1 603w, https:\/\/i0.wp.com\/itayachtscanada.com\/wp-content\/uploads\/2025\/06\/Capture-decran-le-2025-06-06-a-15.23.50.jpg?w=1436&amp;ssl=1 1436w\" sizes=\"auto, (max-width: 300px) 100vw, 300px\" \/> <img data-recalc-dims=\"1\" loading=\"lazy\" decoding=\"async\" data-attachment-id=\"264478\" data-permalink=\"https:\/\/itayachtscanada.com\/fr\/listing\/aquila-54-2023-1859000-usd-for-sale\/capture-decran-le-2025-06-06-a-15-23-45\/\" data-orig-file=\"https:\/\/i0.wp.com\/itayachtscanada.com\/wp-content\/uploads\/2025\/06\/Capture-decran-le-2025-06-06-a-15.23.45.jpg?fit=1436%2C952&amp;ssl=1\" data-orig-size=\"1436,952\" data-comments-opened=\"1\" data-image-meta=\"{&quot;aperture&quot;:&quot;0&quot;,&quot;credit&quot;:&quot;&quot;,&quot;camera&quot;:&quot;&quot;,&quot;caption&quot;:&quot;&quot;,&quot;created_timestamp&quot;:&quot;0&quot;,&quot;copyright&quot;:&quot;&quot;,&quot;focal_length&quot;:&quot;0&quot;,&quot;iso&quot;:&quot;0&quot;,&quot;shutter_speed&quot;:&quot;0&quot;,&quot;title&quot;:&quot;&quot;,&quot;orientation&quot;:&quot;0&quot;}\" data-image-title=\"Capture d\u2019e\u0301cran, le 2025-06-06 a\u0300 15.23.45\" data-image-description=\"\" data-image-caption=\"\" data-large-file=\"https:\/\/i0.wp.com\/itayachtscanada.com\/wp-content\/uploads\/2025\/06\/Capture-decran-le-2025-06-06-a-15.23.45.jpg?fit=700%2C464&amp;ssl=1\" class=\"alignnone size-medium wp-image-264478\" src=\"https:\/\/i0.wp.com\/itayachtscanada.com\/wp-content\/uploads\/2025\/06\/Capture-decran-le-2025-06-06-a-15.23.45.jpg?resize=300%2C199&#038;ssl=1\" alt=\"\" width=\"300\" height=\"199\" srcset=\"https:\/\/i0.wp.com\/itayachtscanada.com\/wp-content\/uploads\/2025\/06\/Capture-decran-le-2025-06-06-a-15.23.45.jpg?resize=300%2C199&amp;ssl=1 300w, https:\/\/i0.wp.com\/itayachtscanada.com\/wp-content\/uploads\/2025\/06\/Capture-decran-le-2025-06-06-a-15.23.45.jpg?resize=1024%2C679&amp;ssl=1 1024w, https:\/\/i0.wp.com\/itayachtscanada.com\/wp-content\/uploads\/2025\/06\/Capture-decran-le-2025-06-06-a-15.23.45.jpg?resize=768%2C509&amp;ssl=1 768w, https:\/\/i0.wp.com\/itayachtscanada.com\/wp-content\/uploads\/2025\/06\/Capture-decran-le-2025-06-06-a-15.23.45.jpg?resize=700%2C464&amp;ssl=1 700w, https:\/\/i0.wp.com\/itayachtscanada.com\/wp-content\/uploads\/2025\/06\/Capture-decran-le-2025-06-06-a-15.23.45.jpg?resize=900%2C600&amp;ssl=1 900w, https:\/\/i0.wp.com\/itayachtscanada.com\/wp-content\/uploads\/2025\/06\/Capture-decran-le-2025-06-06-a-15.23.45.jpg?resize=603%2C400&amp;ssl=1 603w, https:\/\/i0.wp.com\/itayachtscanada.com\/wp-content\/uploads\/2025\/06\/Capture-decran-le-2025-06-06-a-15.23.45.jpg?w=1436&amp;ssl=1 1436w\" sizes=\"auto, (max-width: 300px) 100vw, 300px\" \/> <img data-recalc-dims=\"1\" loading=\"lazy\" decoding=\"async\" data-attachment-id=\"264479\" data-permalink=\"https:\/\/itayachtscanada.com\/fr\/listing\/aquila-54-2023-1859000-usd-for-sale\/capture-decran-le-2025-06-06-a-15-23-41\/\" data-orig-file=\"https:\/\/i0.wp.com\/itayachtscanada.com\/wp-content\/uploads\/2025\/06\/Capture-decran-le-2025-06-06-a-15.23.41.jpg?fit=1436%2C952&amp;ssl=1\" data-orig-size=\"1436,952\" data-comments-opened=\"1\" data-image-meta=\"{&quot;aperture&quot;:&quot;0&quot;,&quot;credit&quot;:&quot;&quot;,&quot;camera&quot;:&quot;&quot;,&quot;caption&quot;:&quot;&quot;,&quot;created_timestamp&quot;:&quot;0&quot;,&quot;copyright&quot;:&quot;&quot;,&quot;focal_length&quot;:&quot;0&quot;,&quot;iso&quot;:&quot;0&quot;,&quot;shutter_speed&quot;:&quot;0&quot;,&quot;title&quot;:&quot;&quot;,&quot;orientation&quot;:&quot;0&quot;}\" data-image-title=\"Capture d\u2019e\u0301cran, le 2025-06-06 a\u0300 15.23.41\" data-image-description=\"\" data-image-caption=\"\" data-large-file=\"https:\/\/i0.wp.com\/itayachtscanada.com\/wp-content\/uploads\/2025\/06\/Capture-decran-le-2025-06-06-a-15.23.41.jpg?fit=700%2C464&amp;ssl=1\" class=\"alignnone size-medium wp-image-264479\" src=\"https:\/\/i0.wp.com\/itayachtscanada.com\/wp-content\/uploads\/2025\/06\/Capture-decran-le-2025-06-06-a-15.23.41.jpg?resize=300%2C199&#038;ssl=1\" alt=\"\" width=\"300\" height=\"199\" srcset=\"https:\/\/i0.wp.com\/itayachtscanada.com\/wp-content\/uploads\/2025\/06\/Capture-decran-le-2025-06-06-a-15.23.41.jpg?resize=300%2C199&amp;ssl=1 300w, https:\/\/i0.wp.com\/itayachtscanada.com\/wp-content\/uploads\/2025\/06\/Capture-decran-le-2025-06-06-a-15.23.41.jpg?resize=1024%2C679&amp;ssl=1 1024w, https:\/\/i0.wp.com\/itayachtscanada.com\/wp-content\/uploads\/2025\/06\/Capture-decran-le-2025-06-06-a-15.23.41.jpg?resize=768%2C509&amp;ssl=1 768w, https:\/\/i0.wp.com\/itayachtscanada.com\/wp-content\/uploads\/2025\/06\/Capture-decran-le-2025-06-06-a-15.23.41.jpg?resize=700%2C464&amp;ssl=1 700w, https:\/\/i0.wp.com\/itayachtscanada.com\/wp-content\/uploads\/2025\/06\/Capture-decran-le-2025-06-06-a-15.23.41.jpg?resize=900%2C600&amp;ssl=1 900w, https:\/\/i0.wp.com\/itayachtscanada.com\/wp-content\/uploads\/2025\/06\/Capture-decran-le-2025-06-06-a-15.23.41.jpg?resize=603%2C400&amp;ssl=1 603w, https:\/\/i0.wp.com\/itayachtscanada.com\/wp-content\/uploads\/2025\/06\/Capture-decran-le-2025-06-06-a-15.23.41.jpg?w=1436&amp;ssl=1 1436w\" sizes=\"auto, (max-width: 300px) 100vw, 300px\" \/> <img data-recalc-dims=\"1\" loading=\"lazy\" decoding=\"async\" data-attachment-id=\"264480\" data-permalink=\"https:\/\/itayachtscanada.com\/fr\/listing\/aquila-54-2023-1859000-usd-for-sale\/capture-decran-le-2025-06-06-a-15-23-38\/\" data-orig-file=\"https:\/\/i0.wp.com\/itayachtscanada.com\/wp-content\/uploads\/2025\/06\/Capture-decran-le-2025-06-06-a-15.23.38.jpg?fit=1436%2C952&amp;ssl=1\" data-orig-size=\"1436,952\" data-comments-opened=\"1\" data-image-meta=\"{&quot;aperture&quot;:&quot;0&quot;,&quot;credit&quot;:&quot;&quot;,&quot;camera&quot;:&quot;&quot;,&quot;caption&quot;:&quot;&quot;,&quot;created_timestamp&quot;:&quot;0&quot;,&quot;copyright&quot;:&quot;&quot;,&quot;focal_length&quot;:&quot;0&quot;,&quot;iso&quot;:&quot;0&quot;,&quot;shutter_speed&quot;:&quot;0&quot;,&quot;title&quot;:&quot;&quot;,&quot;orientation&quot;:&quot;0&quot;}\" data-image-title=\"Capture d\u2019e\u0301cran, le 2025-06-06 a\u0300 15.23.38\" data-image-description=\"\" data-image-caption=\"\" data-large-file=\"https:\/\/i0.wp.com\/itayachtscanada.com\/wp-content\/uploads\/2025\/06\/Capture-decran-le-2025-06-06-a-15.23.38.jpg?fit=700%2C464&amp;ssl=1\" class=\"alignnone size-medium wp-image-264480\" src=\"https:\/\/i0.wp.com\/itayachtscanada.com\/wp-content\/uploads\/2025\/06\/Capture-decran-le-2025-06-06-a-15.23.38.jpg?resize=300%2C199&#038;ssl=1\" alt=\"\" width=\"300\" height=\"199\" srcset=\"https:\/\/i0.wp.com\/itayachtscanada.com\/wp-content\/uploads\/2025\/06\/Capture-decran-le-2025-06-06-a-15.23.38.jpg?resize=300%2C199&amp;ssl=1 300w, https:\/\/i0.wp.com\/itayachtscanada.com\/wp-content\/uploads\/2025\/06\/Capture-decran-le-2025-06-06-a-15.23.38.jpg?resize=1024%2C679&amp;ssl=1 1024w, https:\/\/i0.wp.com\/itayachtscanada.com\/wp-content\/uploads\/2025\/06\/Capture-decran-le-2025-06-06-a-15.23.38.jpg?resize=768%2C509&amp;ssl=1 768w, https:\/\/i0.wp.com\/itayachtscanada.com\/wp-content\/uploads\/2025\/06\/Capture-decran-le-2025-06-06-a-15.23.38.jpg?resize=700%2C464&amp;ssl=1 700w, https:\/\/i0.wp.com\/itayachtscanada.com\/wp-content\/uploads\/2025\/06\/Capture-decran-le-2025-06-06-a-15.23.38.jpg?resize=900%2C600&amp;ssl=1 900w, https:\/\/i0.wp.com\/itayachtscanada.com\/wp-content\/uploads\/2025\/06\/Capture-decran-le-2025-06-06-a-15.23.38.jpg?resize=603%2C400&amp;ssl=1 603w, https:\/\/i0.wp.com\/itayachtscanada.com\/wp-content\/uploads\/2025\/06\/Capture-decran-le-2025-06-06-a-15.23.38.jpg?w=1436&amp;ssl=1 1436w\" sizes=\"auto, (max-width: 300px) 100vw, 300px\" \/> <img data-recalc-dims=\"1\" loading=\"lazy\" decoding=\"async\" data-attachment-id=\"264481\" data-permalink=\"https:\/\/itayachtscanada.com\/fr\/listing\/aquila-54-2023-1859000-usd-for-sale\/capture-decran-le-2025-06-06-a-15-23-33\/\" data-orig-file=\"https:\/\/i0.wp.com\/itayachtscanada.com\/wp-content\/uploads\/2025\/06\/Capture-decran-le-2025-06-06-a-15.23.33.jpg?fit=1436%2C952&amp;ssl=1\" data-orig-size=\"1436,952\" data-comments-opened=\"1\" data-image-meta=\"{&quot;aperture&quot;:&quot;0&quot;,&quot;credit&quot;:&quot;&quot;,&quot;camera&quot;:&quot;&quot;,&quot;caption&quot;:&quot;&quot;,&quot;created_timestamp&quot;:&quot;0&quot;,&quot;copyright&quot;:&quot;&quot;,&quot;focal_length&quot;:&quot;0&quot;,&quot;iso&quot;:&quot;0&quot;,&quot;shutter_speed&quot;:&quot;0&quot;,&quot;title&quot;:&quot;&quot;,&quot;orientation&quot;:&quot;0&quot;}\" data-image-title=\"Capture d\u2019e\u0301cran, le 2025-06-06 a\u0300 15.23.33\" data-image-description=\"\" data-image-caption=\"\" data-large-file=\"https:\/\/i0.wp.com\/itayachtscanada.com\/wp-content\/uploads\/2025\/06\/Capture-decran-le-2025-06-06-a-15.23.33.jpg?fit=700%2C464&amp;ssl=1\" class=\"alignnone size-medium wp-image-264481\" src=\"https:\/\/i0.wp.com\/itayachtscanada.com\/wp-content\/uploads\/2025\/06\/Capture-decran-le-2025-06-06-a-15.23.33.jpg?resize=300%2C199&#038;ssl=1\" alt=\"\" width=\"300\" height=\"199\" srcset=\"https:\/\/i0.wp.com\/itayachtscanada.com\/wp-content\/uploads\/2025\/06\/Capture-decran-le-2025-06-06-a-15.23.33.jpg?resize=300%2C199&amp;ssl=1 300w, https:\/\/i0.wp.com\/itayachtscanada.com\/wp-content\/uploads\/2025\/06\/Capture-decran-le-2025-06-06-a-15.23.33.jpg?resize=1024%2C679&amp;ssl=1 1024w, https:\/\/i0.wp.com\/itayachtscanada.com\/wp-content\/uploads\/2025\/06\/Capture-decran-le-2025-06-06-a-15.23.33.jpg?resize=768%2C509&amp;ssl=1 768w, https:\/\/i0.wp.com\/itayachtscanada.com\/wp-content\/uploads\/2025\/06\/Capture-decran-le-2025-06-06-a-15.23.33.jpg?resize=700%2C464&amp;ssl=1 700w, https:\/\/i0.wp.com\/itayachtscanada.com\/wp-content\/uploads\/2025\/06\/Capture-decran-le-2025-06-06-a-15.23.33.jpg?resize=900%2C600&amp;ssl=1 900w, https:\/\/i0.wp.com\/itayachtscanada.com\/wp-content\/uploads\/2025\/06\/Capture-decran-le-2025-06-06-a-15.23.33.jpg?resize=603%2C400&amp;ssl=1 603w, https:\/\/i0.wp.com\/itayachtscanada.com\/wp-content\/uploads\/2025\/06\/Capture-decran-le-2025-06-06-a-15.23.33.jpg?w=1436&amp;ssl=1 1436w\" sizes=\"auto, (max-width: 300px) 100vw, 300px\" \/> <img data-recalc-dims=\"1\" loading=\"lazy\" decoding=\"async\" data-attachment-id=\"264482\" data-permalink=\"https:\/\/itayachtscanada.com\/fr\/listing\/aquila-54-2023-1859000-usd-for-sale\/capture-decran-le-2025-06-06-a-15-23-28\/\" data-orig-file=\"https:\/\/i0.wp.com\/itayachtscanada.com\/wp-content\/uploads\/2025\/06\/Capture-decran-le-2025-06-06-a-15.23.28.jpg?fit=1436%2C952&amp;ssl=1\" data-orig-size=\"1436,952\" data-comments-opened=\"1\" data-image-meta=\"{&quot;aperture&quot;:&quot;0&quot;,&quot;credit&quot;:&quot;&quot;,&quot;camera&quot;:&quot;&quot;,&quot;caption&quot;:&quot;&quot;,&quot;created_timestamp&quot;:&quot;0&quot;,&quot;copyright&quot;:&quot;&quot;,&quot;focal_length&quot;:&quot;0&quot;,&quot;iso&quot;:&quot;0&quot;,&quot;shutter_speed&quot;:&quot;0&quot;,&quot;title&quot;:&quot;&quot;,&quot;orientation&quot;:&quot;0&quot;}\" data-image-title=\"Capture d\u2019e\u0301cran, le 2025-06-06 a\u0300 15.23.28\" data-image-description=\"\" data-image-caption=\"\" data-large-file=\"https:\/\/i0.wp.com\/itayachtscanada.com\/wp-content\/uploads\/2025\/06\/Capture-decran-le-2025-06-06-a-15.23.28.jpg?fit=700%2C464&amp;ssl=1\" class=\"alignnone size-medium wp-image-264482\" src=\"https:\/\/i0.wp.com\/itayachtscanada.com\/wp-content\/uploads\/2025\/06\/Capture-decran-le-2025-06-06-a-15.23.28.jpg?resize=300%2C199&#038;ssl=1\" alt=\"\" width=\"300\" height=\"199\" srcset=\"https:\/\/i0.wp.com\/itayachtscanada.com\/wp-content\/uploads\/2025\/06\/Capture-decran-le-2025-06-06-a-15.23.28.jpg?resize=300%2C199&amp;ssl=1 300w, https:\/\/i0.wp.com\/itayachtscanada.com\/wp-content\/uploads\/2025\/06\/Capture-decran-le-2025-06-06-a-15.23.28.jpg?resize=1024%2C679&amp;ssl=1 1024w, https:\/\/i0.wp.com\/itayachtscanada.com\/wp-content\/uploads\/2025\/06\/Capture-decran-le-2025-06-06-a-15.23.28.jpg?resize=768%2C509&amp;ssl=1 768w, https:\/\/i0.wp.com\/itayachtscanada.com\/wp-content\/uploads\/2025\/06\/Capture-decran-le-2025-06-06-a-15.23.28.jpg?resize=700%2C464&amp;ssl=1 700w, https:\/\/i0.wp.com\/itayachtscanada.com\/wp-content\/uploads\/2025\/06\/Capture-decran-le-2025-06-06-a-15.23.28.jpg?resize=900%2C600&amp;ssl=1 900w, https:\/\/i0.wp.com\/itayachtscanada.com\/wp-content\/uploads\/2025\/06\/Capture-decran-le-2025-06-06-a-15.23.28.jpg?resize=603%2C400&amp;ssl=1 603w, https:\/\/i0.wp.com\/itayachtscanada.com\/wp-content\/uploads\/2025\/06\/Capture-decran-le-2025-06-06-a-15.23.28.jpg?w=1436&amp;ssl=1 1436w\" sizes=\"auto, (max-width: 300px) 100vw, 300px\" \/> <img data-recalc-dims=\"1\" loading=\"lazy\" decoding=\"async\" data-attachment-id=\"264483\" data-permalink=\"https:\/\/itayachtscanada.com\/fr\/listing\/aquila-54-2023-1859000-usd-for-sale\/capture-decran-le-2025-06-06-a-15-23-20\/\" data-orig-file=\"https:\/\/i0.wp.com\/itayachtscanada.com\/wp-content\/uploads\/2025\/06\/Capture-decran-le-2025-06-06-a-15.23.20.jpg?fit=1436%2C952&amp;ssl=1\" data-orig-size=\"1436,952\" data-comments-opened=\"1\" data-image-meta=\"{&quot;aperture&quot;:&quot;0&quot;,&quot;credit&quot;:&quot;&quot;,&quot;camera&quot;:&quot;&quot;,&quot;caption&quot;:&quot;&quot;,&quot;created_timestamp&quot;:&quot;0&quot;,&quot;copyright&quot;:&quot;&quot;,&quot;focal_length&quot;:&quot;0&quot;,&quot;iso&quot;:&quot;0&quot;,&quot;shutter_speed&quot;:&quot;0&quot;,&quot;title&quot;:&quot;&quot;,&quot;orientation&quot;:&quot;0&quot;}\" data-image-title=\"Capture d\u2019e\u0301cran, le 2025-06-06 a\u0300 15.23.20\" data-image-description=\"\" data-image-caption=\"\" data-large-file=\"https:\/\/i0.wp.com\/itayachtscanada.com\/wp-content\/uploads\/2025\/06\/Capture-decran-le-2025-06-06-a-15.23.20.jpg?fit=700%2C464&amp;ssl=1\" class=\"alignnone size-medium wp-image-264483\" src=\"https:\/\/i0.wp.com\/itayachtscanada.com\/wp-content\/uploads\/2025\/06\/Capture-decran-le-2025-06-06-a-15.23.20.jpg?resize=300%2C199&#038;ssl=1\" alt=\"\" width=\"300\" height=\"199\" srcset=\"https:\/\/i0.wp.com\/itayachtscanada.com\/wp-content\/uploads\/2025\/06\/Capture-decran-le-2025-06-06-a-15.23.20.jpg?resize=300%2C199&amp;ssl=1 300w, https:\/\/i0.wp.com\/itayachtscanada.com\/wp-content\/uploads\/2025\/06\/Capture-decran-le-2025-06-06-a-15.23.20.jpg?resize=1024%2C679&amp;ssl=1 1024w, https:\/\/i0.wp.com\/itayachtscanada.com\/wp-content\/uploads\/2025\/06\/Capture-decran-le-2025-06-06-a-15.23.20.jpg?resize=768%2C509&amp;ssl=1 768w, https:\/\/i0.wp.com\/itayachtscanada.com\/wp-content\/uploads\/2025\/06\/Capture-decran-le-2025-06-06-a-15.23.20.jpg?resize=700%2C464&amp;ssl=1 700w, https:\/\/i0.wp.com\/itayachtscanada.com\/wp-content\/uploads\/2025\/06\/Capture-decran-le-2025-06-06-a-15.23.20.jpg?resize=900%2C600&amp;ssl=1 900w, https:\/\/i0.wp.com\/itayachtscanada.com\/wp-content\/uploads\/2025\/06\/Capture-decran-le-2025-06-06-a-15.23.20.jpg?resize=603%2C400&amp;ssl=1 603w, https:\/\/i0.wp.com\/itayachtscanada.com\/wp-content\/uploads\/2025\/06\/Capture-decran-le-2025-06-06-a-15.23.20.jpg?w=1436&amp;ssl=1 1436w\" sizes=\"auto, (max-width: 300px) 100vw, 300px\" \/> <img data-recalc-dims=\"1\" loading=\"lazy\" decoding=\"async\" data-attachment-id=\"264484\" data-permalink=\"https:\/\/itayachtscanada.com\/fr\/listing\/aquila-54-2023-1859000-usd-for-sale\/capture-decran-le-2025-06-06-a-15-23-13\/\" data-orig-file=\"https:\/\/i0.wp.com\/itayachtscanada.com\/wp-content\/uploads\/2025\/06\/Capture-decran-le-2025-06-06-a-15.23.13.jpg?fit=1436%2C952&amp;ssl=1\" data-orig-size=\"1436,952\" data-comments-opened=\"1\" data-image-meta=\"{&quot;aperture&quot;:&quot;0&quot;,&quot;credit&quot;:&quot;&quot;,&quot;camera&quot;:&quot;&quot;,&quot;caption&quot;:&quot;&quot;,&quot;created_timestamp&quot;:&quot;0&quot;,&quot;copyright&quot;:&quot;&quot;,&quot;focal_length&quot;:&quot;0&quot;,&quot;iso&quot;:&quot;0&quot;,&quot;shutter_speed&quot;:&quot;0&quot;,&quot;title&quot;:&quot;&quot;,&quot;orientation&quot;:&quot;0&quot;}\" data-image-title=\"Capture d\u2019e\u0301cran, le 2025-06-06 a\u0300 15.23.13\" data-image-description=\"\" data-image-caption=\"\" data-large-file=\"https:\/\/i0.wp.com\/itayachtscanada.com\/wp-content\/uploads\/2025\/06\/Capture-decran-le-2025-06-06-a-15.23.13.jpg?fit=700%2C464&amp;ssl=1\" class=\"alignnone size-medium wp-image-264484\" src=\"https:\/\/i0.wp.com\/itayachtscanada.com\/wp-content\/uploads\/2025\/06\/Capture-decran-le-2025-06-06-a-15.23.13.jpg?resize=300%2C199&#038;ssl=1\" alt=\"\" width=\"300\" height=\"199\" srcset=\"https:\/\/i0.wp.com\/itayachtscanada.com\/wp-content\/uploads\/2025\/06\/Capture-decran-le-2025-06-06-a-15.23.13.jpg?resize=300%2C199&amp;ssl=1 300w, https:\/\/i0.wp.com\/itayachtscanada.com\/wp-content\/uploads\/2025\/06\/Capture-decran-le-2025-06-06-a-15.23.13.jpg?resize=1024%2C679&amp;ssl=1 1024w, https:\/\/i0.wp.com\/itayachtscanada.com\/wp-content\/uploads\/2025\/06\/Capture-decran-le-2025-06-06-a-15.23.13.jpg?resize=768%2C509&amp;ssl=1 768w, https:\/\/i0.wp.com\/itayachtscanada.com\/wp-content\/uploads\/2025\/06\/Capture-decran-le-2025-06-06-a-15.23.13.jpg?resize=700%2C464&amp;ssl=1 700w, https:\/\/i0.wp.com\/itayachtscanada.com\/wp-content\/uploads\/2025\/06\/Capture-decran-le-2025-06-06-a-15.23.13.jpg?resize=900%2C600&amp;ssl=1 900w, https:\/\/i0.wp.com\/itayachtscanada.com\/wp-content\/uploads\/2025\/06\/Capture-decran-le-2025-06-06-a-15.23.13.jpg?resize=603%2C400&amp;ssl=1 603w, https:\/\/i0.wp.com\/itayachtscanada.com\/wp-content\/uploads\/2025\/06\/Capture-decran-le-2025-06-06-a-15.23.13.jpg?w=1436&amp;ssl=1 1436w\" sizes=\"auto, (max-width: 300px) 100vw, 300px\" \/> <img data-recalc-dims=\"1\" loading=\"lazy\" decoding=\"async\" data-attachment-id=\"264485\" data-permalink=\"https:\/\/itayachtscanada.com\/fr\/listing\/aquila-54-2023-1859000-usd-for-sale\/capture-decran-le-2025-06-06-a-15-23-08\/\" data-orig-file=\"https:\/\/i0.wp.com\/itayachtscanada.com\/wp-content\/uploads\/2025\/06\/Capture-decran-le-2025-06-06-a-15.23.08.jpg?fit=1436%2C952&amp;ssl=1\" data-orig-size=\"1436,952\" data-comments-opened=\"1\" data-image-meta=\"{&quot;aperture&quot;:&quot;0&quot;,&quot;credit&quot;:&quot;&quot;,&quot;camera&quot;:&quot;&quot;,&quot;caption&quot;:&quot;&quot;,&quot;created_timestamp&quot;:&quot;0&quot;,&quot;copyright&quot;:&quot;&quot;,&quot;focal_length&quot;:&quot;0&quot;,&quot;iso&quot;:&quot;0&quot;,&quot;shutter_speed&quot;:&quot;0&quot;,&quot;title&quot;:&quot;&quot;,&quot;orientation&quot;:&quot;0&quot;}\" data-image-title=\"Capture d\u2019e\u0301cran, le 2025-06-06 a\u0300 15.23.08\" data-image-description=\"\" data-image-caption=\"\" data-large-file=\"https:\/\/i0.wp.com\/itayachtscanada.com\/wp-content\/uploads\/2025\/06\/Capture-decran-le-2025-06-06-a-15.23.08.jpg?fit=700%2C464&amp;ssl=1\" class=\"alignnone size-medium wp-image-264485\" src=\"https:\/\/i0.wp.com\/itayachtscanada.com\/wp-content\/uploads\/2025\/06\/Capture-decran-le-2025-06-06-a-15.23.08.jpg?resize=300%2C199&#038;ssl=1\" alt=\"\" width=\"300\" height=\"199\" srcset=\"https:\/\/i0.wp.com\/itayachtscanada.com\/wp-content\/uploads\/2025\/06\/Capture-decran-le-2025-06-06-a-15.23.08.jpg?resize=300%2C199&amp;ssl=1 300w, https:\/\/i0.wp.com\/itayachtscanada.com\/wp-content\/uploads\/2025\/06\/Capture-decran-le-2025-06-06-a-15.23.08.jpg?resize=1024%2C679&amp;ssl=1 1024w, https:\/\/i0.wp.com\/itayachtscanada.com\/wp-content\/uploads\/2025\/06\/Capture-decran-le-2025-06-06-a-15.23.08.jpg?resize=768%2C509&amp;ssl=1 768w, https:\/\/i0.wp.com\/itayachtscanada.com\/wp-content\/uploads\/2025\/06\/Capture-decran-le-2025-06-06-a-15.23.08.jpg?resize=700%2C464&amp;ssl=1 700w, https:\/\/i0.wp.com\/itayachtscanada.com\/wp-content\/uploads\/2025\/06\/Capture-decran-le-2025-06-06-a-15.23.08.jpg?resize=900%2C600&amp;ssl=1 900w, https:\/\/i0.wp.com\/itayachtscanada.com\/wp-content\/uploads\/2025\/06\/Capture-decran-le-2025-06-06-a-15.23.08.jpg?resize=603%2C400&amp;ssl=1 603w, https:\/\/i0.wp.com\/itayachtscanada.com\/wp-content\/uploads\/2025\/06\/Capture-decran-le-2025-06-06-a-15.23.08.jpg?w=1436&amp;ssl=1 1436w\" sizes=\"auto, (max-width: 300px) 100vw, 300px\" \/> <img data-recalc-dims=\"1\" loading=\"lazy\" decoding=\"async\" data-attachment-id=\"264486\" data-permalink=\"https:\/\/itayachtscanada.com\/fr\/listing\/aquila-54-2023-1859000-usd-for-sale\/capture-decran-le-2025-06-06-a-15-23-03\/\" data-orig-file=\"https:\/\/i0.wp.com\/itayachtscanada.com\/wp-content\/uploads\/2025\/06\/Capture-decran-le-2025-06-06-a-15.23.03.jpg?fit=1436%2C952&amp;ssl=1\" data-orig-size=\"1436,952\" data-comments-opened=\"1\" data-image-meta=\"{&quot;aperture&quot;:&quot;0&quot;,&quot;credit&quot;:&quot;&quot;,&quot;camera&quot;:&quot;&quot;,&quot;caption&quot;:&quot;&quot;,&quot;created_timestamp&quot;:&quot;0&quot;,&quot;copyright&quot;:&quot;&quot;,&quot;focal_length&quot;:&quot;0&quot;,&quot;iso&quot;:&quot;0&quot;,&quot;shutter_speed&quot;:&quot;0&quot;,&quot;title&quot;:&quot;&quot;,&quot;orientation&quot;:&quot;0&quot;}\" data-image-title=\"Capture d\u2019e\u0301cran, le 2025-06-06 a\u0300 15.23.03\" data-image-description=\"\" data-image-caption=\"\" data-large-file=\"https:\/\/i0.wp.com\/itayachtscanada.com\/wp-content\/uploads\/2025\/06\/Capture-decran-le-2025-06-06-a-15.23.03.jpg?fit=700%2C464&amp;ssl=1\" class=\"alignnone size-medium wp-image-264486\" src=\"https:\/\/i0.wp.com\/itayachtscanada.com\/wp-content\/uploads\/2025\/06\/Capture-decran-le-2025-06-06-a-15.23.03.jpg?resize=300%2C199&#038;ssl=1\" alt=\"\" width=\"300\" height=\"199\" srcset=\"https:\/\/i0.wp.com\/itayachtscanada.com\/wp-content\/uploads\/2025\/06\/Capture-decran-le-2025-06-06-a-15.23.03.jpg?resize=300%2C199&amp;ssl=1 300w, https:\/\/i0.wp.com\/itayachtscanada.com\/wp-content\/uploads\/2025\/06\/Capture-decran-le-2025-06-06-a-15.23.03.jpg?resize=1024%2C679&amp;ssl=1 1024w, https:\/\/i0.wp.com\/itayachtscanada.com\/wp-content\/uploads\/2025\/06\/Capture-decran-le-2025-06-06-a-15.23.03.jpg?resize=768%2C509&amp;ssl=1 768w, https:\/\/i0.wp.com\/itayachtscanada.com\/wp-content\/uploads\/2025\/06\/Capture-decran-le-2025-06-06-a-15.23.03.jpg?resize=700%2C464&amp;ssl=1 700w, https:\/\/i0.wp.com\/itayachtscanada.com\/wp-content\/uploads\/2025\/06\/Capture-decran-le-2025-06-06-a-15.23.03.jpg?resize=900%2C600&amp;ssl=1 900w, https:\/\/i0.wp.com\/itayachtscanada.com\/wp-content\/uploads\/2025\/06\/Capture-decran-le-2025-06-06-a-15.23.03.jpg?resize=603%2C400&amp;ssl=1 603w, https:\/\/i0.wp.com\/itayachtscanada.com\/wp-content\/uploads\/2025\/06\/Capture-decran-le-2025-06-06-a-15.23.03.jpg?w=1436&amp;ssl=1 1436w\" sizes=\"auto, (max-width: 300px) 100vw, 300px\" \/> <img data-recalc-dims=\"1\" loading=\"lazy\" decoding=\"async\" data-attachment-id=\"264487\" data-permalink=\"https:\/\/itayachtscanada.com\/fr\/listing\/aquila-54-2023-1859000-usd-for-sale\/capture-decran-le-2025-06-06-a-15-22-59\/\" data-orig-file=\"https:\/\/i0.wp.com\/itayachtscanada.com\/wp-content\/uploads\/2025\/06\/Capture-decran-le-2025-06-06-a-15.22.59.jpg?fit=1436%2C952&amp;ssl=1\" data-orig-size=\"1436,952\" data-comments-opened=\"1\" data-image-meta=\"{&quot;aperture&quot;:&quot;0&quot;,&quot;credit&quot;:&quot;&quot;,&quot;camera&quot;:&quot;&quot;,&quot;caption&quot;:&quot;&quot;,&quot;created_timestamp&quot;:&quot;0&quot;,&quot;copyright&quot;:&quot;&quot;,&quot;focal_length&quot;:&quot;0&quot;,&quot;iso&quot;:&quot;0&quot;,&quot;shutter_speed&quot;:&quot;0&quot;,&quot;title&quot;:&quot;&quot;,&quot;orientation&quot;:&quot;0&quot;}\" data-image-title=\"Capture d\u2019e\u0301cran, le 2025-06-06 a\u0300 15.22.59\" data-image-description=\"\" data-image-caption=\"\" data-large-file=\"https:\/\/i0.wp.com\/itayachtscanada.com\/wp-content\/uploads\/2025\/06\/Capture-decran-le-2025-06-06-a-15.22.59.jpg?fit=700%2C464&amp;ssl=1\" class=\"alignnone size-medium wp-image-264487\" src=\"https:\/\/i0.wp.com\/itayachtscanada.com\/wp-content\/uploads\/2025\/06\/Capture-decran-le-2025-06-06-a-15.22.59.jpg?resize=300%2C199&#038;ssl=1\" alt=\"\" width=\"300\" height=\"199\" srcset=\"https:\/\/i0.wp.com\/itayachtscanada.com\/wp-content\/uploads\/2025\/06\/Capture-decran-le-2025-06-06-a-15.22.59.jpg?resize=300%2C199&amp;ssl=1 300w, https:\/\/i0.wp.com\/itayachtscanada.com\/wp-content\/uploads\/2025\/06\/Capture-decran-le-2025-06-06-a-15.22.59.jpg?resize=1024%2C679&amp;ssl=1 1024w, https:\/\/i0.wp.com\/itayachtscanada.com\/wp-content\/uploads\/2025\/06\/Capture-decran-le-2025-06-06-a-15.22.59.jpg?resize=768%2C509&amp;ssl=1 768w, https:\/\/i0.wp.com\/itayachtscanada.com\/wp-content\/uploads\/2025\/06\/Capture-decran-le-2025-06-06-a-15.22.59.jpg?resize=700%2C464&amp;ssl=1 700w, https:\/\/i0.wp.com\/itayachtscanada.com\/wp-content\/uploads\/2025\/06\/Capture-decran-le-2025-06-06-a-15.22.59.jpg?resize=900%2C600&amp;ssl=1 900w, https:\/\/i0.wp.com\/itayachtscanada.com\/wp-content\/uploads\/2025\/06\/Capture-decran-le-2025-06-06-a-15.22.59.jpg?resize=603%2C400&amp;ssl=1 603w, https:\/\/i0.wp.com\/itayachtscanada.com\/wp-content\/uploads\/2025\/06\/Capture-decran-le-2025-06-06-a-15.22.59.jpg?w=1436&amp;ssl=1 1436w\" sizes=\"auto, (max-width: 300px) 100vw, 300px\" \/> <img data-recalc-dims=\"1\" loading=\"lazy\" decoding=\"async\" data-attachment-id=\"264488\" data-permalink=\"https:\/\/itayachtscanada.com\/fr\/listing\/aquila-54-2023-1859000-usd-for-sale\/capture-decran-le-2025-06-06-a-15-22-54\/\" data-orig-file=\"https:\/\/i0.wp.com\/itayachtscanada.com\/wp-content\/uploads\/2025\/06\/Capture-decran-le-2025-06-06-a-15.22.54.jpg?fit=1436%2C952&amp;ssl=1\" data-orig-size=\"1436,952\" data-comments-opened=\"1\" data-image-meta=\"{&quot;aperture&quot;:&quot;0&quot;,&quot;credit&quot;:&quot;&quot;,&quot;camera&quot;:&quot;&quot;,&quot;caption&quot;:&quot;&quot;,&quot;created_timestamp&quot;:&quot;0&quot;,&quot;copyright&quot;:&quot;&quot;,&quot;focal_length&quot;:&quot;0&quot;,&quot;iso&quot;:&quot;0&quot;,&quot;shutter_speed&quot;:&quot;0&quot;,&quot;title&quot;:&quot;&quot;,&quot;orientation&quot;:&quot;0&quot;}\" data-image-title=\"Capture d\u2019e\u0301cran, le 2025-06-06 a\u0300 15.22.54\" data-image-description=\"\" data-image-caption=\"\" data-large-file=\"https:\/\/i0.wp.com\/itayachtscanada.com\/wp-content\/uploads\/2025\/06\/Capture-decran-le-2025-06-06-a-15.22.54.jpg?fit=700%2C464&amp;ssl=1\" class=\"alignnone size-medium wp-image-264488\" src=\"https:\/\/i0.wp.com\/itayachtscanada.com\/wp-content\/uploads\/2025\/06\/Capture-decran-le-2025-06-06-a-15.22.54.jpg?resize=300%2C199&#038;ssl=1\" alt=\"\" width=\"300\" height=\"199\" srcset=\"https:\/\/i0.wp.com\/itayachtscanada.com\/wp-content\/uploads\/2025\/06\/Capture-decran-le-2025-06-06-a-15.22.54.jpg?resize=300%2C199&amp;ssl=1 300w, https:\/\/i0.wp.com\/itayachtscanada.com\/wp-content\/uploads\/2025\/06\/Capture-decran-le-2025-06-06-a-15.22.54.jpg?resize=1024%2C679&amp;ssl=1 1024w, https:\/\/i0.wp.com\/itayachtscanada.com\/wp-content\/uploads\/2025\/06\/Capture-decran-le-2025-06-06-a-15.22.54.jpg?resize=768%2C509&amp;ssl=1 768w, https:\/\/i0.wp.com\/itayachtscanada.com\/wp-content\/uploads\/2025\/06\/Capture-decran-le-2025-06-06-a-15.22.54.jpg?resize=700%2C464&amp;ssl=1 700w, https:\/\/i0.wp.com\/itayachtscanada.com\/wp-content\/uploads\/2025\/06\/Capture-decran-le-2025-06-06-a-15.22.54.jpg?resize=900%2C600&amp;ssl=1 900w, https:\/\/i0.wp.com\/itayachtscanada.com\/wp-content\/uploads\/2025\/06\/Capture-decran-le-2025-06-06-a-15.22.54.jpg?resize=603%2C400&amp;ssl=1 603w, https:\/\/i0.wp.com\/itayachtscanada.com\/wp-content\/uploads\/2025\/06\/Capture-decran-le-2025-06-06-a-15.22.54.jpg?w=1436&amp;ssl=1 1436w\" sizes=\"auto, (max-width: 300px) 100vw, 300px\" \/> <img data-recalc-dims=\"1\" loading=\"lazy\" decoding=\"async\" data-attachment-id=\"264489\" data-permalink=\"https:\/\/itayachtscanada.com\/fr\/listing\/aquila-54-2023-1859000-usd-for-sale\/capture-decran-le-2025-06-06-a-15-22-46\/\" data-orig-file=\"https:\/\/i0.wp.com\/itayachtscanada.com\/wp-content\/uploads\/2025\/06\/Capture-decran-le-2025-06-06-a-15.22.46.jpg?fit=1436%2C952&amp;ssl=1\" data-orig-size=\"1436,952\" data-comments-opened=\"1\" data-image-meta=\"{&quot;aperture&quot;:&quot;0&quot;,&quot;credit&quot;:&quot;&quot;,&quot;camera&quot;:&quot;&quot;,&quot;caption&quot;:&quot;&quot;,&quot;created_timestamp&quot;:&quot;0&quot;,&quot;copyright&quot;:&quot;&quot;,&quot;focal_length&quot;:&quot;0&quot;,&quot;iso&quot;:&quot;0&quot;,&quot;shutter_speed&quot;:&quot;0&quot;,&quot;title&quot;:&quot;&quot;,&quot;orientation&quot;:&quot;0&quot;}\" data-image-title=\"Capture d\u2019e\u0301cran, le 2025-06-06 a\u0300 15.22.46\" data-image-description=\"\" data-image-caption=\"\" data-large-file=\"https:\/\/i0.wp.com\/itayachtscanada.com\/wp-content\/uploads\/2025\/06\/Capture-decran-le-2025-06-06-a-15.22.46.jpg?fit=700%2C464&amp;ssl=1\" class=\"alignnone size-medium wp-image-264489\" src=\"https:\/\/i0.wp.com\/itayachtscanada.com\/wp-content\/uploads\/2025\/06\/Capture-decran-le-2025-06-06-a-15.22.46.jpg?resize=300%2C199&#038;ssl=1\" alt=\"\" width=\"300\" height=\"199\" srcset=\"https:\/\/i0.wp.com\/itayachtscanada.com\/wp-content\/uploads\/2025\/06\/Capture-decran-le-2025-06-06-a-15.22.46.jpg?resize=300%2C199&amp;ssl=1 300w, https:\/\/i0.wp.com\/itayachtscanada.com\/wp-content\/uploads\/2025\/06\/Capture-decran-le-2025-06-06-a-15.22.46.jpg?resize=1024%2C679&amp;ssl=1 1024w, https:\/\/i0.wp.com\/itayachtscanada.com\/wp-content\/uploads\/2025\/06\/Capture-decran-le-2025-06-06-a-15.22.46.jpg?resize=768%2C509&amp;ssl=1 768w, https:\/\/i0.wp.com\/itayachtscanada.com\/wp-content\/uploads\/2025\/06\/Capture-decran-le-2025-06-06-a-15.22.46.jpg?resize=700%2C464&amp;ssl=1 700w, https:\/\/i0.wp.com\/itayachtscanada.com\/wp-content\/uploads\/2025\/06\/Capture-decran-le-2025-06-06-a-15.22.46.jpg?resize=900%2C600&amp;ssl=1 900w, https:\/\/i0.wp.com\/itayachtscanada.com\/wp-content\/uploads\/2025\/06\/Capture-decran-le-2025-06-06-a-15.22.46.jpg?resize=603%2C400&amp;ssl=1 603w, https:\/\/i0.wp.com\/itayachtscanada.com\/wp-content\/uploads\/2025\/06\/Capture-decran-le-2025-06-06-a-15.22.46.jpg?w=1436&amp;ssl=1 1436w\" sizes=\"auto, (max-width: 300px) 100vw, 300px\" \/> <img data-recalc-dims=\"1\" loading=\"lazy\" decoding=\"async\" data-attachment-id=\"264490\" data-permalink=\"https:\/\/itayachtscanada.com\/fr\/listing\/aquila-54-2023-1859000-usd-for-sale\/capture-decran-le-2025-06-06-a-15-22-40\/\" data-orig-file=\"https:\/\/i0.wp.com\/itayachtscanada.com\/wp-content\/uploads\/2025\/06\/Capture-decran-le-2025-06-06-a-15.22.40.jpg?fit=1436%2C952&amp;ssl=1\" data-orig-size=\"1436,952\" data-comments-opened=\"1\" data-image-meta=\"{&quot;aperture&quot;:&quot;0&quot;,&quot;credit&quot;:&quot;&quot;,&quot;camera&quot;:&quot;&quot;,&quot;caption&quot;:&quot;&quot;,&quot;created_timestamp&quot;:&quot;0&quot;,&quot;copyright&quot;:&quot;&quot;,&quot;focal_length&quot;:&quot;0&quot;,&quot;iso&quot;:&quot;0&quot;,&quot;shutter_speed&quot;:&quot;0&quot;,&quot;title&quot;:&quot;&quot;,&quot;orientation&quot;:&quot;0&quot;}\" data-image-title=\"Capture d\u2019e\u0301cran, le 2025-06-06 a\u0300 15.22.40\" data-image-description=\"\" data-image-caption=\"\" data-large-file=\"https:\/\/i0.wp.com\/itayachtscanada.com\/wp-content\/uploads\/2025\/06\/Capture-decran-le-2025-06-06-a-15.22.40.jpg?fit=700%2C464&amp;ssl=1\" class=\"alignnone size-medium wp-image-264490\" src=\"https:\/\/i0.wp.com\/itayachtscanada.com\/wp-content\/uploads\/2025\/06\/Capture-decran-le-2025-06-06-a-15.22.40.jpg?resize=300%2C199&#038;ssl=1\" alt=\"\" width=\"300\" height=\"199\" srcset=\"https:\/\/i0.wp.com\/itayachtscanada.com\/wp-content\/uploads\/2025\/06\/Capture-decran-le-2025-06-06-a-15.22.40.jpg?resize=300%2C199&amp;ssl=1 300w, https:\/\/i0.wp.com\/itayachtscanada.com\/wp-content\/uploads\/2025\/06\/Capture-decran-le-2025-06-06-a-15.22.40.jpg?resize=1024%2C679&amp;ssl=1 1024w, https:\/\/i0.wp.com\/itayachtscanada.com\/wp-content\/uploads\/2025\/06\/Capture-decran-le-2025-06-06-a-15.22.40.jpg?resize=768%2C509&amp;ssl=1 768w, https:\/\/i0.wp.com\/itayachtscanada.com\/wp-content\/uploads\/2025\/06\/Capture-decran-le-2025-06-06-a-15.22.40.jpg?resize=700%2C464&amp;ssl=1 700w, https:\/\/i0.wp.com\/itayachtscanada.com\/wp-content\/uploads\/2025\/06\/Capture-decran-le-2025-06-06-a-15.22.40.jpg?resize=900%2C600&amp;ssl=1 900w, https:\/\/i0.wp.com\/itayachtscanada.com\/wp-content\/uploads\/2025\/06\/Capture-decran-le-2025-06-06-a-15.22.40.jpg?resize=603%2C400&amp;ssl=1 603w, https:\/\/i0.wp.com\/itayachtscanada.com\/wp-content\/uploads\/2025\/06\/Capture-decran-le-2025-06-06-a-15.22.40.jpg?w=1436&amp;ssl=1 1436w\" sizes=\"auto, (max-width: 300px) 100vw, 300px\" \/> <img data-recalc-dims=\"1\" loading=\"lazy\" decoding=\"async\" data-attachment-id=\"264491\" data-permalink=\"https:\/\/itayachtscanada.com\/fr\/listing\/aquila-54-2023-1859000-usd-for-sale\/capture-decran-le-2025-06-06-a-15-22-35\/\" data-orig-file=\"https:\/\/i0.wp.com\/itayachtscanada.com\/wp-content\/uploads\/2025\/06\/Capture-decran-le-2025-06-06-a-15.22.35.jpg?fit=1436%2C952&amp;ssl=1\" data-orig-size=\"1436,952\" data-comments-opened=\"1\" data-image-meta=\"{&quot;aperture&quot;:&quot;0&quot;,&quot;credit&quot;:&quot;&quot;,&quot;camera&quot;:&quot;&quot;,&quot;caption&quot;:&quot;&quot;,&quot;created_timestamp&quot;:&quot;0&quot;,&quot;copyright&quot;:&quot;&quot;,&quot;focal_length&quot;:&quot;0&quot;,&quot;iso&quot;:&quot;0&quot;,&quot;shutter_speed&quot;:&quot;0&quot;,&quot;title&quot;:&quot;&quot;,&quot;orientation&quot;:&quot;0&quot;}\" data-image-title=\"Capture d\u2019e\u0301cran, le 2025-06-06 a\u0300 15.22.35\" data-image-description=\"\" data-image-caption=\"\" data-large-file=\"https:\/\/i0.wp.com\/itayachtscanada.com\/wp-content\/uploads\/2025\/06\/Capture-decran-le-2025-06-06-a-15.22.35.jpg?fit=700%2C464&amp;ssl=1\" class=\"alignnone size-medium wp-image-264491\" src=\"https:\/\/i0.wp.com\/itayachtscanada.com\/wp-content\/uploads\/2025\/06\/Capture-decran-le-2025-06-06-a-15.22.35.jpg?resize=300%2C199&#038;ssl=1\" alt=\"\" width=\"300\" height=\"199\" srcset=\"https:\/\/i0.wp.com\/itayachtscanada.com\/wp-content\/uploads\/2025\/06\/Capture-decran-le-2025-06-06-a-15.22.35.jpg?resize=300%2C199&amp;ssl=1 300w, https:\/\/i0.wp.com\/itayachtscanada.com\/wp-content\/uploads\/2025\/06\/Capture-decran-le-2025-06-06-a-15.22.35.jpg?resize=1024%2C679&amp;ssl=1 1024w, https:\/\/i0.wp.com\/itayachtscanada.com\/wp-content\/uploads\/2025\/06\/Capture-decran-le-2025-06-06-a-15.22.35.jpg?resize=768%2C509&amp;ssl=1 768w, https:\/\/i0.wp.com\/itayachtscanada.com\/wp-content\/uploads\/2025\/06\/Capture-decran-le-2025-06-06-a-15.22.35.jpg?resize=700%2C464&amp;ssl=1 700w, https:\/\/i0.wp.com\/itayachtscanada.com\/wp-content\/uploads\/2025\/06\/Capture-decran-le-2025-06-06-a-15.22.35.jpg?resize=900%2C600&amp;ssl=1 900w, https:\/\/i0.wp.com\/itayachtscanada.com\/wp-content\/uploads\/2025\/06\/Capture-decran-le-2025-06-06-a-15.22.35.jpg?resize=603%2C400&amp;ssl=1 603w, https:\/\/i0.wp.com\/itayachtscanada.com\/wp-content\/uploads\/2025\/06\/Capture-decran-le-2025-06-06-a-15.22.35.jpg?w=1436&amp;ssl=1 1436w\" sizes=\"auto, (max-width: 300px) 100vw, 300px\" \/> <img data-recalc-dims=\"1\" loading=\"lazy\" decoding=\"async\" data-attachment-id=\"264492\" data-permalink=\"https:\/\/itayachtscanada.com\/fr\/listing\/aquila-54-2023-1859000-usd-for-sale\/capture-decran-le-2025-06-06-a-15-22-30\/\" data-orig-file=\"https:\/\/i0.wp.com\/itayachtscanada.com\/wp-content\/uploads\/2025\/06\/Capture-decran-le-2025-06-06-a-15.22.30.jpg?fit=1436%2C952&amp;ssl=1\" data-orig-size=\"1436,952\" data-comments-opened=\"1\" data-image-meta=\"{&quot;aperture&quot;:&quot;0&quot;,&quot;credit&quot;:&quot;&quot;,&quot;camera&quot;:&quot;&quot;,&quot;caption&quot;:&quot;&quot;,&quot;created_timestamp&quot;:&quot;0&quot;,&quot;copyright&quot;:&quot;&quot;,&quot;focal_length&quot;:&quot;0&quot;,&quot;iso&quot;:&quot;0&quot;,&quot;shutter_speed&quot;:&quot;0&quot;,&quot;title&quot;:&quot;&quot;,&quot;orientation&quot;:&quot;0&quot;}\" data-image-title=\"Capture d\u2019e\u0301cran, le 2025-06-06 a\u0300 15.22.30\" data-image-description=\"\" data-image-caption=\"\" data-large-file=\"https:\/\/i0.wp.com\/itayachtscanada.com\/wp-content\/uploads\/2025\/06\/Capture-decran-le-2025-06-06-a-15.22.30.jpg?fit=700%2C464&amp;ssl=1\" class=\"alignnone size-medium wp-image-264492\" src=\"https:\/\/i0.wp.com\/itayachtscanada.com\/wp-content\/uploads\/2025\/06\/Capture-decran-le-2025-06-06-a-15.22.30.jpg?resize=300%2C199&#038;ssl=1\" alt=\"\" width=\"300\" height=\"199\" srcset=\"https:\/\/i0.wp.com\/itayachtscanada.com\/wp-content\/uploads\/2025\/06\/Capture-decran-le-2025-06-06-a-15.22.30.jpg?resize=300%2C199&amp;ssl=1 300w, https:\/\/i0.wp.com\/itayachtscanada.com\/wp-content\/uploads\/2025\/06\/Capture-decran-le-2025-06-06-a-15.22.30.jpg?resize=1024%2C679&amp;ssl=1 1024w, https:\/\/i0.wp.com\/itayachtscanada.com\/wp-content\/uploads\/2025\/06\/Capture-decran-le-2025-06-06-a-15.22.30.jpg?resize=768%2C509&amp;ssl=1 768w, https:\/\/i0.wp.com\/itayachtscanada.com\/wp-content\/uploads\/2025\/06\/Capture-decran-le-2025-06-06-a-15.22.30.jpg?resize=700%2C464&amp;ssl=1 700w, https:\/\/i0.wp.com\/itayachtscanada.com\/wp-content\/uploads\/2025\/06\/Capture-decran-le-2025-06-06-a-15.22.30.jpg?resize=900%2C600&amp;ssl=1 900w, https:\/\/i0.wp.com\/itayachtscanada.com\/wp-content\/uploads\/2025\/06\/Capture-decran-le-2025-06-06-a-15.22.30.jpg?resize=603%2C400&amp;ssl=1 603w, https:\/\/i0.wp.com\/itayachtscanada.com\/wp-content\/uploads\/2025\/06\/Capture-decran-le-2025-06-06-a-15.22.30.jpg?w=1436&amp;ssl=1 1436w\" sizes=\"auto, (max-width: 300px) 100vw, 300px\" \/> <img data-recalc-dims=\"1\" loading=\"lazy\" decoding=\"async\" data-attachment-id=\"264493\" data-permalink=\"https:\/\/itayachtscanada.com\/fr\/listing\/aquila-54-2023-1859000-usd-for-sale\/capture-decran-le-2025-06-06-a-15-22-26\/\" data-orig-file=\"https:\/\/i0.wp.com\/itayachtscanada.com\/wp-content\/uploads\/2025\/06\/Capture-decran-le-2025-06-06-a-15.22.26.jpg?fit=1436%2C952&amp;ssl=1\" data-orig-size=\"1436,952\" data-comments-opened=\"1\" data-image-meta=\"{&quot;aperture&quot;:&quot;0&quot;,&quot;credit&quot;:&quot;&quot;,&quot;camera&quot;:&quot;&quot;,&quot;caption&quot;:&quot;&quot;,&quot;created_timestamp&quot;:&quot;0&quot;,&quot;copyright&quot;:&quot;&quot;,&quot;focal_length&quot;:&quot;0&quot;,&quot;iso&quot;:&quot;0&quot;,&quot;shutter_speed&quot;:&quot;0&quot;,&quot;title&quot;:&quot;&quot;,&quot;orientation&quot;:&quot;0&quot;}\" data-image-title=\"Capture d\u2019e\u0301cran, le 2025-06-06 a\u0300 15.22.26\" data-image-description=\"\" data-image-caption=\"\" data-large-file=\"https:\/\/i0.wp.com\/itayachtscanada.com\/wp-content\/uploads\/2025\/06\/Capture-decran-le-2025-06-06-a-15.22.26.jpg?fit=700%2C464&amp;ssl=1\" class=\"alignnone size-medium wp-image-264493\" src=\"https:\/\/i0.wp.com\/itayachtscanada.com\/wp-content\/uploads\/2025\/06\/Capture-decran-le-2025-06-06-a-15.22.26.jpg?resize=300%2C199&#038;ssl=1\" alt=\"\" width=\"300\" height=\"199\" srcset=\"https:\/\/i0.wp.com\/itayachtscanada.com\/wp-content\/uploads\/2025\/06\/Capture-decran-le-2025-06-06-a-15.22.26.jpg?resize=300%2C199&amp;ssl=1 300w, https:\/\/i0.wp.com\/itayachtscanada.com\/wp-content\/uploads\/2025\/06\/Capture-decran-le-2025-06-06-a-15.22.26.jpg?resize=1024%2C679&amp;ssl=1 1024w, https:\/\/i0.wp.com\/itayachtscanada.com\/wp-content\/uploads\/2025\/06\/Capture-decran-le-2025-06-06-a-15.22.26.jpg?resize=768%2C509&amp;ssl=1 768w, https:\/\/i0.wp.com\/itayachtscanada.com\/wp-content\/uploads\/2025\/06\/Capture-decran-le-2025-06-06-a-15.22.26.jpg?resize=700%2C464&amp;ssl=1 700w, https:\/\/i0.wp.com\/itayachtscanada.com\/wp-content\/uploads\/2025\/06\/Capture-decran-le-2025-06-06-a-15.22.26.jpg?resize=900%2C600&amp;ssl=1 900w, https:\/\/i0.wp.com\/itayachtscanada.com\/wp-content\/uploads\/2025\/06\/Capture-decran-le-2025-06-06-a-15.22.26.jpg?resize=603%2C400&amp;ssl=1 603w, https:\/\/i0.wp.com\/itayachtscanada.com\/wp-content\/uploads\/2025\/06\/Capture-decran-le-2025-06-06-a-15.22.26.jpg?w=1436&amp;ssl=1 1436w\" sizes=\"auto, (max-width: 300px) 100vw, 300px\" \/> <img data-recalc-dims=\"1\" loading=\"lazy\" decoding=\"async\" data-attachment-id=\"264494\" data-permalink=\"https:\/\/itayachtscanada.com\/fr\/listing\/aquila-54-2023-1859000-usd-for-sale\/capture-decran-le-2025-06-06-a-15-22-21\/\" data-orig-file=\"https:\/\/i0.wp.com\/itayachtscanada.com\/wp-content\/uploads\/2025\/06\/Capture-decran-le-2025-06-06-a-15.22.21.jpg?fit=1436%2C952&amp;ssl=1\" data-orig-size=\"1436,952\" data-comments-opened=\"1\" data-image-meta=\"{&quot;aperture&quot;:&quot;0&quot;,&quot;credit&quot;:&quot;&quot;,&quot;camera&quot;:&quot;&quot;,&quot;caption&quot;:&quot;&quot;,&quot;created_timestamp&quot;:&quot;0&quot;,&quot;copyright&quot;:&quot;&quot;,&quot;focal_length&quot;:&quot;0&quot;,&quot;iso&quot;:&quot;0&quot;,&quot;shutter_speed&quot;:&quot;0&quot;,&quot;title&quot;:&quot;&quot;,&quot;orientation&quot;:&quot;0&quot;}\" data-image-title=\"Capture d\u2019e\u0301cran, le 2025-06-06 a\u0300 15.22.21\" data-image-description=\"\" data-image-caption=\"\" data-large-file=\"https:\/\/i0.wp.com\/itayachtscanada.com\/wp-content\/uploads\/2025\/06\/Capture-decran-le-2025-06-06-a-15.22.21.jpg?fit=700%2C464&amp;ssl=1\" class=\"alignnone size-medium wp-image-264494\" src=\"https:\/\/i0.wp.com\/itayachtscanada.com\/wp-content\/uploads\/2025\/06\/Capture-decran-le-2025-06-06-a-15.22.21.jpg?resize=300%2C199&#038;ssl=1\" alt=\"\" width=\"300\" height=\"199\" srcset=\"https:\/\/i0.wp.com\/itayachtscanada.com\/wp-content\/uploads\/2025\/06\/Capture-decran-le-2025-06-06-a-15.22.21.jpg?resize=300%2C199&amp;ssl=1 300w, https:\/\/i0.wp.com\/itayachtscanada.com\/wp-content\/uploads\/2025\/06\/Capture-decran-le-2025-06-06-a-15.22.21.jpg?resize=1024%2C679&amp;ssl=1 1024w, https:\/\/i0.wp.com\/itayachtscanada.com\/wp-content\/uploads\/2025\/06\/Capture-decran-le-2025-06-06-a-15.22.21.jpg?resize=768%2C509&amp;ssl=1 768w, https:\/\/i0.wp.com\/itayachtscanada.com\/wp-content\/uploads\/2025\/06\/Capture-decran-le-2025-06-06-a-15.22.21.jpg?resize=700%2C464&amp;ssl=1 700w, https:\/\/i0.wp.com\/itayachtscanada.com\/wp-content\/uploads\/2025\/06\/Capture-decran-le-2025-06-06-a-15.22.21.jpg?resize=900%2C600&amp;ssl=1 900w, https:\/\/i0.wp.com\/itayachtscanada.com\/wp-content\/uploads\/2025\/06\/Capture-decran-le-2025-06-06-a-15.22.21.jpg?resize=603%2C400&amp;ssl=1 603w, https:\/\/i0.wp.com\/itayachtscanada.com\/wp-content\/uploads\/2025\/06\/Capture-decran-le-2025-06-06-a-15.22.21.jpg?w=1436&amp;ssl=1 1436w\" sizes=\"auto, (max-width: 300px) 100vw, 300px\" \/> <img data-recalc-dims=\"1\" loading=\"lazy\" decoding=\"async\" data-attachment-id=\"264495\" data-permalink=\"https:\/\/itayachtscanada.com\/fr\/listing\/aquila-54-2023-1859000-usd-for-sale\/capture-decran-le-2025-06-06-a-15-22-17\/\" data-orig-file=\"https:\/\/i0.wp.com\/itayachtscanada.com\/wp-content\/uploads\/2025\/06\/Capture-decran-le-2025-06-06-a-15.22.17.jpg?fit=1436%2C952&amp;ssl=1\" data-orig-size=\"1436,952\" data-comments-opened=\"1\" data-image-meta=\"{&quot;aperture&quot;:&quot;0&quot;,&quot;credit&quot;:&quot;&quot;,&quot;camera&quot;:&quot;&quot;,&quot;caption&quot;:&quot;&quot;,&quot;created_timestamp&quot;:&quot;0&quot;,&quot;copyright&quot;:&quot;&quot;,&quot;focal_length&quot;:&quot;0&quot;,&quot;iso&quot;:&quot;0&quot;,&quot;shutter_speed&quot;:&quot;0&quot;,&quot;title&quot;:&quot;&quot;,&quot;orientation&quot;:&quot;0&quot;}\" data-image-title=\"Capture d\u2019e\u0301cran, le 2025-06-06 a\u0300 15.22.17\" data-image-description=\"\" data-image-caption=\"\" data-large-file=\"https:\/\/i0.wp.com\/itayachtscanada.com\/wp-content\/uploads\/2025\/06\/Capture-decran-le-2025-06-06-a-15.22.17.jpg?fit=700%2C464&amp;ssl=1\" class=\"alignnone size-medium wp-image-264495\" src=\"https:\/\/i0.wp.com\/itayachtscanada.com\/wp-content\/uploads\/2025\/06\/Capture-decran-le-2025-06-06-a-15.22.17.jpg?resize=300%2C199&#038;ssl=1\" alt=\"\" width=\"300\" height=\"199\" srcset=\"https:\/\/i0.wp.com\/itayachtscanada.com\/wp-content\/uploads\/2025\/06\/Capture-decran-le-2025-06-06-a-15.22.17.jpg?resize=300%2C199&amp;ssl=1 300w, https:\/\/i0.wp.com\/itayachtscanada.com\/wp-content\/uploads\/2025\/06\/Capture-decran-le-2025-06-06-a-15.22.17.jpg?resize=1024%2C679&amp;ssl=1 1024w, https:\/\/i0.wp.com\/itayachtscanada.com\/wp-content\/uploads\/2025\/06\/Capture-decran-le-2025-06-06-a-15.22.17.jpg?resize=768%2C509&amp;ssl=1 768w, https:\/\/i0.wp.com\/itayachtscanada.com\/wp-content\/uploads\/2025\/06\/Capture-decran-le-2025-06-06-a-15.22.17.jpg?resize=700%2C464&amp;ssl=1 700w, https:\/\/i0.wp.com\/itayachtscanada.com\/wp-content\/uploads\/2025\/06\/Capture-decran-le-2025-06-06-a-15.22.17.jpg?resize=900%2C600&amp;ssl=1 900w, https:\/\/i0.wp.com\/itayachtscanada.com\/wp-content\/uploads\/2025\/06\/Capture-decran-le-2025-06-06-a-15.22.17.jpg?resize=603%2C400&amp;ssl=1 603w, https:\/\/i0.wp.com\/itayachtscanada.com\/wp-content\/uploads\/2025\/06\/Capture-decran-le-2025-06-06-a-15.22.17.jpg?w=1436&amp;ssl=1 1436w\" sizes=\"auto, (max-width: 300px) 100vw, 300px\" \/> <img data-recalc-dims=\"1\" loading=\"lazy\" decoding=\"async\" data-attachment-id=\"264496\" data-permalink=\"https:\/\/itayachtscanada.com\/fr\/listing\/aquila-54-2023-1859000-usd-for-sale\/capture-decran-le-2025-06-06-a-15-22-12\/\" data-orig-file=\"https:\/\/i0.wp.com\/itayachtscanada.com\/wp-content\/uploads\/2025\/06\/Capture-decran-le-2025-06-06-a-15.22.12.jpg?fit=1436%2C952&amp;ssl=1\" data-orig-size=\"1436,952\" data-comments-opened=\"1\" data-image-meta=\"{&quot;aperture&quot;:&quot;0&quot;,&quot;credit&quot;:&quot;&quot;,&quot;camera&quot;:&quot;&quot;,&quot;caption&quot;:&quot;&quot;,&quot;created_timestamp&quot;:&quot;0&quot;,&quot;copyright&quot;:&quot;&quot;,&quot;focal_length&quot;:&quot;0&quot;,&quot;iso&quot;:&quot;0&quot;,&quot;shutter_speed&quot;:&quot;0&quot;,&quot;title&quot;:&quot;&quot;,&quot;orientation&quot;:&quot;0&quot;}\" data-image-title=\"Capture d\u2019e\u0301cran, le 2025-06-06 a\u0300 15.22.12\" data-image-description=\"\" data-image-caption=\"\" data-large-file=\"https:\/\/i0.wp.com\/itayachtscanada.com\/wp-content\/uploads\/2025\/06\/Capture-decran-le-2025-06-06-a-15.22.12.jpg?fit=700%2C464&amp;ssl=1\" class=\"alignnone size-medium wp-image-264496\" src=\"https:\/\/i0.wp.com\/itayachtscanada.com\/wp-content\/uploads\/2025\/06\/Capture-decran-le-2025-06-06-a-15.22.12.jpg?resize=300%2C199&#038;ssl=1\" alt=\"\" width=\"300\" height=\"199\" srcset=\"https:\/\/i0.wp.com\/itayachtscanada.com\/wp-content\/uploads\/2025\/06\/Capture-decran-le-2025-06-06-a-15.22.12.jpg?resize=300%2C199&amp;ssl=1 300w, https:\/\/i0.wp.com\/itayachtscanada.com\/wp-content\/uploads\/2025\/06\/Capture-decran-le-2025-06-06-a-15.22.12.jpg?resize=1024%2C679&amp;ssl=1 1024w, https:\/\/i0.wp.com\/itayachtscanada.com\/wp-content\/uploads\/2025\/06\/Capture-decran-le-2025-06-06-a-15.22.12.jpg?resize=768%2C509&amp;ssl=1 768w, https:\/\/i0.wp.com\/itayachtscanada.com\/wp-content\/uploads\/2025\/06\/Capture-decran-le-2025-06-06-a-15.22.12.jpg?resize=700%2C464&amp;ssl=1 700w, https:\/\/i0.wp.com\/itayachtscanada.com\/wp-content\/uploads\/2025\/06\/Capture-decran-le-2025-06-06-a-15.22.12.jpg?resize=900%2C600&amp;ssl=1 900w, https:\/\/i0.wp.com\/itayachtscanada.com\/wp-content\/uploads\/2025\/06\/Capture-decran-le-2025-06-06-a-15.22.12.jpg?resize=603%2C400&amp;ssl=1 603w, https:\/\/i0.wp.com\/itayachtscanada.com\/wp-content\/uploads\/2025\/06\/Capture-decran-le-2025-06-06-a-15.22.12.jpg?w=1436&amp;ssl=1 1436w\" sizes=\"auto, (max-width: 300px) 100vw, 300px\" \/> <img data-recalc-dims=\"1\" loading=\"lazy\" decoding=\"async\" data-attachment-id=\"264497\" data-permalink=\"https:\/\/itayachtscanada.com\/fr\/listing\/aquila-54-2023-1859000-usd-for-sale\/capture-decran-le-2025-06-06-a-15-22-08\/\" data-orig-file=\"https:\/\/i0.wp.com\/itayachtscanada.com\/wp-content\/uploads\/2025\/06\/Capture-decran-le-2025-06-06-a-15.22.08.jpg?fit=1436%2C952&amp;ssl=1\" data-orig-size=\"1436,952\" data-comments-opened=\"1\" data-image-meta=\"{&quot;aperture&quot;:&quot;0&quot;,&quot;credit&quot;:&quot;&quot;,&quot;camera&quot;:&quot;&quot;,&quot;caption&quot;:&quot;&quot;,&quot;created_timestamp&quot;:&quot;0&quot;,&quot;copyright&quot;:&quot;&quot;,&quot;focal_length&quot;:&quot;0&quot;,&quot;iso&quot;:&quot;0&quot;,&quot;shutter_speed&quot;:&quot;0&quot;,&quot;title&quot;:&quot;&quot;,&quot;orientation&quot;:&quot;0&quot;}\" data-image-title=\"Capture d\u2019e\u0301cran, le 2025-06-06 a\u0300 15.22.08\" data-image-description=\"\" data-image-caption=\"\" data-large-file=\"https:\/\/i0.wp.com\/itayachtscanada.com\/wp-content\/uploads\/2025\/06\/Capture-decran-le-2025-06-06-a-15.22.08.jpg?fit=700%2C464&amp;ssl=1\" class=\"alignnone size-medium wp-image-264497\" src=\"https:\/\/i0.wp.com\/itayachtscanada.com\/wp-content\/uploads\/2025\/06\/Capture-decran-le-2025-06-06-a-15.22.08.jpg?resize=300%2C199&#038;ssl=1\" alt=\"\" width=\"300\" height=\"199\" srcset=\"https:\/\/i0.wp.com\/itayachtscanada.com\/wp-content\/uploads\/2025\/06\/Capture-decran-le-2025-06-06-a-15.22.08.jpg?resize=300%2C199&amp;ssl=1 300w, https:\/\/i0.wp.com\/itayachtscanada.com\/wp-content\/uploads\/2025\/06\/Capture-decran-le-2025-06-06-a-15.22.08.jpg?resize=1024%2C679&amp;ssl=1 1024w, https:\/\/i0.wp.com\/itayachtscanada.com\/wp-content\/uploads\/2025\/06\/Capture-decran-le-2025-06-06-a-15.22.08.jpg?resize=768%2C509&amp;ssl=1 768w, https:\/\/i0.wp.com\/itayachtscanada.com\/wp-content\/uploads\/2025\/06\/Capture-decran-le-2025-06-06-a-15.22.08.jpg?resize=700%2C464&amp;ssl=1 700w, https:\/\/i0.wp.com\/itayachtscanada.com\/wp-content\/uploads\/2025\/06\/Capture-decran-le-2025-06-06-a-15.22.08.jpg?resize=900%2C600&amp;ssl=1 900w, https:\/\/i0.wp.com\/itayachtscanada.com\/wp-content\/uploads\/2025\/06\/Capture-decran-le-2025-06-06-a-15.22.08.jpg?resize=603%2C400&amp;ssl=1 603w, https:\/\/i0.wp.com\/itayachtscanada.com\/wp-content\/uploads\/2025\/06\/Capture-decran-le-2025-06-06-a-15.22.08.jpg?w=1436&amp;ssl=1 1436w\" sizes=\"auto, (max-width: 300px) 100vw, 300px\" \/> <img data-recalc-dims=\"1\" loading=\"lazy\" decoding=\"async\" data-attachment-id=\"264498\" data-permalink=\"https:\/\/itayachtscanada.com\/fr\/listing\/aquila-54-2023-1859000-usd-for-sale\/capture-decran-le-2025-06-06-a-15-22-04\/\" data-orig-file=\"https:\/\/i0.wp.com\/itayachtscanada.com\/wp-content\/uploads\/2025\/06\/Capture-decran-le-2025-06-06-a-15.22.04.jpg?fit=1436%2C952&amp;ssl=1\" data-orig-size=\"1436,952\" data-comments-opened=\"1\" data-image-meta=\"{&quot;aperture&quot;:&quot;0&quot;,&quot;credit&quot;:&quot;&quot;,&quot;camera&quot;:&quot;&quot;,&quot;caption&quot;:&quot;&quot;,&quot;created_timestamp&quot;:&quot;0&quot;,&quot;copyright&quot;:&quot;&quot;,&quot;focal_length&quot;:&quot;0&quot;,&quot;iso&quot;:&quot;0&quot;,&quot;shutter_speed&quot;:&quot;0&quot;,&quot;title&quot;:&quot;&quot;,&quot;orientation&quot;:&quot;0&quot;}\" data-image-title=\"Capture d\u2019e\u0301cran, le 2025-06-06 a\u0300 15.22.04\" data-image-description=\"\" data-image-caption=\"\" data-large-file=\"https:\/\/i0.wp.com\/itayachtscanada.com\/wp-content\/uploads\/2025\/06\/Capture-decran-le-2025-06-06-a-15.22.04.jpg?fit=700%2C464&amp;ssl=1\" class=\"alignnone size-medium wp-image-264498\" src=\"https:\/\/i0.wp.com\/itayachtscanada.com\/wp-content\/uploads\/2025\/06\/Capture-decran-le-2025-06-06-a-15.22.04.jpg?resize=300%2C199&#038;ssl=1\" alt=\"\" width=\"300\" height=\"199\" srcset=\"https:\/\/i0.wp.com\/itayachtscanada.com\/wp-content\/uploads\/2025\/06\/Capture-decran-le-2025-06-06-a-15.22.04.jpg?resize=300%2C199&amp;ssl=1 300w, https:\/\/i0.wp.com\/itayachtscanada.com\/wp-content\/uploads\/2025\/06\/Capture-decran-le-2025-06-06-a-15.22.04.jpg?resize=1024%2C679&amp;ssl=1 1024w, https:\/\/i0.wp.com\/itayachtscanada.com\/wp-content\/uploads\/2025\/06\/Capture-decran-le-2025-06-06-a-15.22.04.jpg?resize=768%2C509&amp;ssl=1 768w, https:\/\/i0.wp.com\/itayachtscanada.com\/wp-content\/uploads\/2025\/06\/Capture-decran-le-2025-06-06-a-15.22.04.jpg?resize=700%2C464&amp;ssl=1 700w, https:\/\/i0.wp.com\/itayachtscanada.com\/wp-content\/uploads\/2025\/06\/Capture-decran-le-2025-06-06-a-15.22.04.jpg?resize=900%2C600&amp;ssl=1 900w, https:\/\/i0.wp.com\/itayachtscanada.com\/wp-content\/uploads\/2025\/06\/Capture-decran-le-2025-06-06-a-15.22.04.jpg?resize=603%2C400&amp;ssl=1 603w, https:\/\/i0.wp.com\/itayachtscanada.com\/wp-content\/uploads\/2025\/06\/Capture-decran-le-2025-06-06-a-15.22.04.jpg?w=1436&amp;ssl=1 1436w\" sizes=\"auto, (max-width: 300px) 100vw, 300px\" \/> <img data-recalc-dims=\"1\" loading=\"lazy\" decoding=\"async\" data-attachment-id=\"264499\" data-permalink=\"https:\/\/itayachtscanada.com\/fr\/listing\/aquila-54-2023-1859000-usd-for-sale\/capture-decran-le-2025-06-06-a-15-22-00\/\" data-orig-file=\"https:\/\/i0.wp.com\/itayachtscanada.com\/wp-content\/uploads\/2025\/06\/Capture-decran-le-2025-06-06-a-15.22.00.jpg?fit=1436%2C952&amp;ssl=1\" data-orig-size=\"1436,952\" data-comments-opened=\"1\" data-image-meta=\"{&quot;aperture&quot;:&quot;0&quot;,&quot;credit&quot;:&quot;&quot;,&quot;camera&quot;:&quot;&quot;,&quot;caption&quot;:&quot;&quot;,&quot;created_timestamp&quot;:&quot;0&quot;,&quot;copyright&quot;:&quot;&quot;,&quot;focal_length&quot;:&quot;0&quot;,&quot;iso&quot;:&quot;0&quot;,&quot;shutter_speed&quot;:&quot;0&quot;,&quot;title&quot;:&quot;&quot;,&quot;orientation&quot;:&quot;0&quot;}\" data-image-title=\"Capture d\u2019e\u0301cran, le 2025-06-06 a\u0300 15.22.00\" data-image-description=\"\" data-image-caption=\"\" data-large-file=\"https:\/\/i0.wp.com\/itayachtscanada.com\/wp-content\/uploads\/2025\/06\/Capture-decran-le-2025-06-06-a-15.22.00.jpg?fit=700%2C464&amp;ssl=1\" class=\"alignnone size-medium wp-image-264499\" src=\"https:\/\/i0.wp.com\/itayachtscanada.com\/wp-content\/uploads\/2025\/06\/Capture-decran-le-2025-06-06-a-15.22.00.jpg?resize=300%2C199&#038;ssl=1\" alt=\"\" width=\"300\" height=\"199\" srcset=\"https:\/\/i0.wp.com\/itayachtscanada.com\/wp-content\/uploads\/2025\/06\/Capture-decran-le-2025-06-06-a-15.22.00.jpg?resize=300%2C199&amp;ssl=1 300w, https:\/\/i0.wp.com\/itayachtscanada.com\/wp-content\/uploads\/2025\/06\/Capture-decran-le-2025-06-06-a-15.22.00.jpg?resize=1024%2C679&amp;ssl=1 1024w, https:\/\/i0.wp.com\/itayachtscanada.com\/wp-content\/uploads\/2025\/06\/Capture-decran-le-2025-06-06-a-15.22.00.jpg?resize=768%2C509&amp;ssl=1 768w, https:\/\/i0.wp.com\/itayachtscanada.com\/wp-content\/uploads\/2025\/06\/Capture-decran-le-2025-06-06-a-15.22.00.jpg?resize=700%2C464&amp;ssl=1 700w, https:\/\/i0.wp.com\/itayachtscanada.com\/wp-content\/uploads\/2025\/06\/Capture-decran-le-2025-06-06-a-15.22.00.jpg?resize=900%2C600&amp;ssl=1 900w, https:\/\/i0.wp.com\/itayachtscanada.com\/wp-content\/uploads\/2025\/06\/Capture-decran-le-2025-06-06-a-15.22.00.jpg?resize=603%2C400&amp;ssl=1 603w, https:\/\/i0.wp.com\/itayachtscanada.com\/wp-content\/uploads\/2025\/06\/Capture-decran-le-2025-06-06-a-15.22.00.jpg?w=1436&amp;ssl=1 1436w\" sizes=\"auto, (max-width: 300px) 100vw, 300px\" \/> <img data-recalc-dims=\"1\" loading=\"lazy\" decoding=\"async\" data-attachment-id=\"264500\" data-permalink=\"https:\/\/itayachtscanada.com\/fr\/listing\/aquila-54-2023-1859000-usd-for-sale\/capture-decran-le-2025-06-06-a-15-21-56\/\" data-orig-file=\"https:\/\/i0.wp.com\/itayachtscanada.com\/wp-content\/uploads\/2025\/06\/Capture-decran-le-2025-06-06-a-15.21.56.jpg?fit=1436%2C952&amp;ssl=1\" data-orig-size=\"1436,952\" data-comments-opened=\"1\" data-image-meta=\"{&quot;aperture&quot;:&quot;0&quot;,&quot;credit&quot;:&quot;&quot;,&quot;camera&quot;:&quot;&quot;,&quot;caption&quot;:&quot;&quot;,&quot;created_timestamp&quot;:&quot;0&quot;,&quot;copyright&quot;:&quot;&quot;,&quot;focal_length&quot;:&quot;0&quot;,&quot;iso&quot;:&quot;0&quot;,&quot;shutter_speed&quot;:&quot;0&quot;,&quot;title&quot;:&quot;&quot;,&quot;orientation&quot;:&quot;0&quot;}\" data-image-title=\"Capture d\u2019e\u0301cran, le 2025-06-06 a\u0300 15.21.56\" data-image-description=\"\" data-image-caption=\"\" data-large-file=\"https:\/\/i0.wp.com\/itayachtscanada.com\/wp-content\/uploads\/2025\/06\/Capture-decran-le-2025-06-06-a-15.21.56.jpg?fit=700%2C464&amp;ssl=1\" class=\"alignnone size-medium wp-image-264500\" src=\"https:\/\/i0.wp.com\/itayachtscanada.com\/wp-content\/uploads\/2025\/06\/Capture-decran-le-2025-06-06-a-15.21.56.jpg?resize=300%2C199&#038;ssl=1\" alt=\"\" width=\"300\" height=\"199\" srcset=\"https:\/\/i0.wp.com\/itayachtscanada.com\/wp-content\/uploads\/2025\/06\/Capture-decran-le-2025-06-06-a-15.21.56.jpg?resize=300%2C199&amp;ssl=1 300w, https:\/\/i0.wp.com\/itayachtscanada.com\/wp-content\/uploads\/2025\/06\/Capture-decran-le-2025-06-06-a-15.21.56.jpg?resize=1024%2C679&amp;ssl=1 1024w, https:\/\/i0.wp.com\/itayachtscanada.com\/wp-content\/uploads\/2025\/06\/Capture-decran-le-2025-06-06-a-15.21.56.jpg?resize=768%2C509&amp;ssl=1 768w, https:\/\/i0.wp.com\/itayachtscanada.com\/wp-content\/uploads\/2025\/06\/Capture-decran-le-2025-06-06-a-15.21.56.jpg?resize=700%2C464&amp;ssl=1 700w, https:\/\/i0.wp.com\/itayachtscanada.com\/wp-content\/uploads\/2025\/06\/Capture-decran-le-2025-06-06-a-15.21.56.jpg?resize=900%2C600&amp;ssl=1 900w, https:\/\/i0.wp.com\/itayachtscanada.com\/wp-content\/uploads\/2025\/06\/Capture-decran-le-2025-06-06-a-15.21.56.jpg?resize=603%2C400&amp;ssl=1 603w, https:\/\/i0.wp.com\/itayachtscanada.com\/wp-content\/uploads\/2025\/06\/Capture-decran-le-2025-06-06-a-15.21.56.jpg?w=1436&amp;ssl=1 1436w\" sizes=\"auto, (max-width: 300px) 100vw, 300px\" \/> <img data-recalc-dims=\"1\" loading=\"lazy\" decoding=\"async\" data-attachment-id=\"264501\" data-permalink=\"https:\/\/itayachtscanada.com\/fr\/listing\/aquila-54-2023-1859000-usd-for-sale\/capture-decran-le-2025-06-06-a-15-21-52\/\" data-orig-file=\"https:\/\/i0.wp.com\/itayachtscanada.com\/wp-content\/uploads\/2025\/06\/Capture-decran-le-2025-06-06-a-15.21.52.jpg?fit=1436%2C952&amp;ssl=1\" data-orig-size=\"1436,952\" data-comments-opened=\"1\" data-image-meta=\"{&quot;aperture&quot;:&quot;0&quot;,&quot;credit&quot;:&quot;&quot;,&quot;camera&quot;:&quot;&quot;,&quot;caption&quot;:&quot;&quot;,&quot;created_timestamp&quot;:&quot;0&quot;,&quot;copyright&quot;:&quot;&quot;,&quot;focal_length&quot;:&quot;0&quot;,&quot;iso&quot;:&quot;0&quot;,&quot;shutter_speed&quot;:&quot;0&quot;,&quot;title&quot;:&quot;&quot;,&quot;orientation&quot;:&quot;0&quot;}\" data-image-title=\"Capture d\u2019e\u0301cran, le 2025-06-06 a\u0300 15.21.52\" data-image-description=\"\" data-image-caption=\"\" data-large-file=\"https:\/\/i0.wp.com\/itayachtscanada.com\/wp-content\/uploads\/2025\/06\/Capture-decran-le-2025-06-06-a-15.21.52.jpg?fit=700%2C464&amp;ssl=1\" class=\"alignnone size-medium wp-image-264501\" src=\"https:\/\/i0.wp.com\/itayachtscanada.com\/wp-content\/uploads\/2025\/06\/Capture-decran-le-2025-06-06-a-15.21.52.jpg?resize=300%2C199&#038;ssl=1\" alt=\"\" width=\"300\" height=\"199\" srcset=\"https:\/\/i0.wp.com\/itayachtscanada.com\/wp-content\/uploads\/2025\/06\/Capture-decran-le-2025-06-06-a-15.21.52.jpg?resize=300%2C199&amp;ssl=1 300w, https:\/\/i0.wp.com\/itayachtscanada.com\/wp-content\/uploads\/2025\/06\/Capture-decran-le-2025-06-06-a-15.21.52.jpg?resize=1024%2C679&amp;ssl=1 1024w, https:\/\/i0.wp.com\/itayachtscanada.com\/wp-content\/uploads\/2025\/06\/Capture-decran-le-2025-06-06-a-15.21.52.jpg?resize=768%2C509&amp;ssl=1 768w, https:\/\/i0.wp.com\/itayachtscanada.com\/wp-content\/uploads\/2025\/06\/Capture-decran-le-2025-06-06-a-15.21.52.jpg?resize=700%2C464&amp;ssl=1 700w, https:\/\/i0.wp.com\/itayachtscanada.com\/wp-content\/uploads\/2025\/06\/Capture-decran-le-2025-06-06-a-15.21.52.jpg?resize=900%2C600&amp;ssl=1 900w, https:\/\/i0.wp.com\/itayachtscanada.com\/wp-content\/uploads\/2025\/06\/Capture-decran-le-2025-06-06-a-15.21.52.jpg?resize=603%2C400&amp;ssl=1 603w, https:\/\/i0.wp.com\/itayachtscanada.com\/wp-content\/uploads\/2025\/06\/Capture-decran-le-2025-06-06-a-15.21.52.jpg?w=1436&amp;ssl=1 1436w\" sizes=\"auto, (max-width: 300px) 100vw, 300px\" \/> <img data-recalc-dims=\"1\" loading=\"lazy\" decoding=\"async\" data-attachment-id=\"264502\" data-permalink=\"https:\/\/itayachtscanada.com\/fr\/listing\/aquila-54-2023-1859000-usd-for-sale\/capture-decran-le-2025-06-06-a-15-21-48\/\" data-orig-file=\"https:\/\/i0.wp.com\/itayachtscanada.com\/wp-content\/uploads\/2025\/06\/Capture-decran-le-2025-06-06-a-15.21.48.jpg?fit=1436%2C952&amp;ssl=1\" data-orig-size=\"1436,952\" data-comments-opened=\"1\" data-image-meta=\"{&quot;aperture&quot;:&quot;0&quot;,&quot;credit&quot;:&quot;&quot;,&quot;camera&quot;:&quot;&quot;,&quot;caption&quot;:&quot;&quot;,&quot;created_timestamp&quot;:&quot;0&quot;,&quot;copyright&quot;:&quot;&quot;,&quot;focal_length&quot;:&quot;0&quot;,&quot;iso&quot;:&quot;0&quot;,&quot;shutter_speed&quot;:&quot;0&quot;,&quot;title&quot;:&quot;&quot;,&quot;orientation&quot;:&quot;0&quot;}\" data-image-title=\"Capture d\u2019e\u0301cran, le 2025-06-06 a\u0300 15.21.48\" data-image-description=\"\" data-image-caption=\"\" data-large-file=\"https:\/\/i0.wp.com\/itayachtscanada.com\/wp-content\/uploads\/2025\/06\/Capture-decran-le-2025-06-06-a-15.21.48.jpg?fit=700%2C464&amp;ssl=1\" class=\"alignnone size-medium wp-image-264502\" src=\"https:\/\/i0.wp.com\/itayachtscanada.com\/wp-content\/uploads\/2025\/06\/Capture-decran-le-2025-06-06-a-15.21.48.jpg?resize=300%2C199&#038;ssl=1\" alt=\"\" width=\"300\" height=\"199\" srcset=\"https:\/\/i0.wp.com\/itayachtscanada.com\/wp-content\/uploads\/2025\/06\/Capture-decran-le-2025-06-06-a-15.21.48.jpg?resize=300%2C199&amp;ssl=1 300w, https:\/\/i0.wp.com\/itayachtscanada.com\/wp-content\/uploads\/2025\/06\/Capture-decran-le-2025-06-06-a-15.21.48.jpg?resize=1024%2C679&amp;ssl=1 1024w, https:\/\/i0.wp.com\/itayachtscanada.com\/wp-content\/uploads\/2025\/06\/Capture-decran-le-2025-06-06-a-15.21.48.jpg?resize=768%2C509&amp;ssl=1 768w, https:\/\/i0.wp.com\/itayachtscanada.com\/wp-content\/uploads\/2025\/06\/Capture-decran-le-2025-06-06-a-15.21.48.jpg?resize=700%2C464&amp;ssl=1 700w, https:\/\/i0.wp.com\/itayachtscanada.com\/wp-content\/uploads\/2025\/06\/Capture-decran-le-2025-06-06-a-15.21.48.jpg?resize=900%2C600&amp;ssl=1 900w, https:\/\/i0.wp.com\/itayachtscanada.com\/wp-content\/uploads\/2025\/06\/Capture-decran-le-2025-06-06-a-15.21.48.jpg?resize=603%2C400&amp;ssl=1 603w, https:\/\/i0.wp.com\/itayachtscanada.com\/wp-content\/uploads\/2025\/06\/Capture-decran-le-2025-06-06-a-15.21.48.jpg?w=1436&amp;ssl=1 1436w\" sizes=\"auto, (max-width: 300px) 100vw, 300px\" \/> <img data-recalc-dims=\"1\" loading=\"lazy\" decoding=\"async\" data-attachment-id=\"264503\" data-permalink=\"https:\/\/itayachtscanada.com\/fr\/listing\/aquila-54-2023-1859000-usd-for-sale\/capture-decran-le-2025-06-06-a-15-21-44\/\" data-orig-file=\"https:\/\/i0.wp.com\/itayachtscanada.com\/wp-content\/uploads\/2025\/06\/Capture-decran-le-2025-06-06-a-15.21.44.jpg?fit=1436%2C952&amp;ssl=1\" data-orig-size=\"1436,952\" data-comments-opened=\"1\" data-image-meta=\"{&quot;aperture&quot;:&quot;0&quot;,&quot;credit&quot;:&quot;&quot;,&quot;camera&quot;:&quot;&quot;,&quot;caption&quot;:&quot;&quot;,&quot;created_timestamp&quot;:&quot;0&quot;,&quot;copyright&quot;:&quot;&quot;,&quot;focal_length&quot;:&quot;0&quot;,&quot;iso&quot;:&quot;0&quot;,&quot;shutter_speed&quot;:&quot;0&quot;,&quot;title&quot;:&quot;&quot;,&quot;orientation&quot;:&quot;0&quot;}\" data-image-title=\"Capture d\u2019e\u0301cran, le 2025-06-06 a\u0300 15.21.44\" data-image-description=\"\" data-image-caption=\"\" data-large-file=\"https:\/\/i0.wp.com\/itayachtscanada.com\/wp-content\/uploads\/2025\/06\/Capture-decran-le-2025-06-06-a-15.21.44.jpg?fit=700%2C464&amp;ssl=1\" class=\"alignnone size-medium wp-image-264503\" src=\"https:\/\/i0.wp.com\/itayachtscanada.com\/wp-content\/uploads\/2025\/06\/Capture-decran-le-2025-06-06-a-15.21.44.jpg?resize=300%2C199&#038;ssl=1\" alt=\"\" width=\"300\" height=\"199\" srcset=\"https:\/\/i0.wp.com\/itayachtscanada.com\/wp-content\/uploads\/2025\/06\/Capture-decran-le-2025-06-06-a-15.21.44.jpg?resize=300%2C199&amp;ssl=1 300w, https:\/\/i0.wp.com\/itayachtscanada.com\/wp-content\/uploads\/2025\/06\/Capture-decran-le-2025-06-06-a-15.21.44.jpg?resize=1024%2C679&amp;ssl=1 1024w, https:\/\/i0.wp.com\/itayachtscanada.com\/wp-content\/uploads\/2025\/06\/Capture-decran-le-2025-06-06-a-15.21.44.jpg?resize=768%2C509&amp;ssl=1 768w, https:\/\/i0.wp.com\/itayachtscanada.com\/wp-content\/uploads\/2025\/06\/Capture-decran-le-2025-06-06-a-15.21.44.jpg?resize=700%2C464&amp;ssl=1 700w, https:\/\/i0.wp.com\/itayachtscanada.com\/wp-content\/uploads\/2025\/06\/Capture-decran-le-2025-06-06-a-15.21.44.jpg?resize=900%2C600&amp;ssl=1 900w, https:\/\/i0.wp.com\/itayachtscanada.com\/wp-content\/uploads\/2025\/06\/Capture-decran-le-2025-06-06-a-15.21.44.jpg?resize=603%2C400&amp;ssl=1 603w, https:\/\/i0.wp.com\/itayachtscanada.com\/wp-content\/uploads\/2025\/06\/Capture-decran-le-2025-06-06-a-15.21.44.jpg?w=1436&amp;ssl=1 1436w\" sizes=\"auto, (max-width: 300px) 100vw, 300px\" \/> <img data-recalc-dims=\"1\" loading=\"lazy\" decoding=\"async\" data-attachment-id=\"264504\" data-permalink=\"https:\/\/itayachtscanada.com\/fr\/listing\/aquila-54-2023-1859000-usd-for-sale\/capture-decran-le-2025-06-06-a-15-21-39\/\" data-orig-file=\"https:\/\/i0.wp.com\/itayachtscanada.com\/wp-content\/uploads\/2025\/06\/Capture-decran-le-2025-06-06-a-15.21.39.jpg?fit=1436%2C952&amp;ssl=1\" data-orig-size=\"1436,952\" data-comments-opened=\"1\" data-image-meta=\"{&quot;aperture&quot;:&quot;0&quot;,&quot;credit&quot;:&quot;&quot;,&quot;camera&quot;:&quot;&quot;,&quot;caption&quot;:&quot;&quot;,&quot;created_timestamp&quot;:&quot;0&quot;,&quot;copyright&quot;:&quot;&quot;,&quot;focal_length&quot;:&quot;0&quot;,&quot;iso&quot;:&quot;0&quot;,&quot;shutter_speed&quot;:&quot;0&quot;,&quot;title&quot;:&quot;&quot;,&quot;orientation&quot;:&quot;0&quot;}\" data-image-title=\"Capture d\u2019e\u0301cran, le 2025-06-06 a\u0300 15.21.39\" data-image-description=\"\" data-image-caption=\"\" data-large-file=\"https:\/\/i0.wp.com\/itayachtscanada.com\/wp-content\/uploads\/2025\/06\/Capture-decran-le-2025-06-06-a-15.21.39.jpg?fit=700%2C464&amp;ssl=1\" class=\"alignnone size-medium wp-image-264504\" src=\"https:\/\/i0.wp.com\/itayachtscanada.com\/wp-content\/uploads\/2025\/06\/Capture-decran-le-2025-06-06-a-15.21.39.jpg?resize=300%2C199&#038;ssl=1\" alt=\"\" width=\"300\" height=\"199\" srcset=\"https:\/\/i0.wp.com\/itayachtscanada.com\/wp-content\/uploads\/2025\/06\/Capture-decran-le-2025-06-06-a-15.21.39.jpg?resize=300%2C199&amp;ssl=1 300w, https:\/\/i0.wp.com\/itayachtscanada.com\/wp-content\/uploads\/2025\/06\/Capture-decran-le-2025-06-06-a-15.21.39.jpg?resize=1024%2C679&amp;ssl=1 1024w, https:\/\/i0.wp.com\/itayachtscanada.com\/wp-content\/uploads\/2025\/06\/Capture-decran-le-2025-06-06-a-15.21.39.jpg?resize=768%2C509&amp;ssl=1 768w, https:\/\/i0.wp.com\/itayachtscanada.com\/wp-content\/uploads\/2025\/06\/Capture-decran-le-2025-06-06-a-15.21.39.jpg?resize=700%2C464&amp;ssl=1 700w, https:\/\/i0.wp.com\/itayachtscanada.com\/wp-content\/uploads\/2025\/06\/Capture-decran-le-2025-06-06-a-15.21.39.jpg?resize=900%2C600&amp;ssl=1 900w, https:\/\/i0.wp.com\/itayachtscanada.com\/wp-content\/uploads\/2025\/06\/Capture-decran-le-2025-06-06-a-15.21.39.jpg?resize=603%2C400&amp;ssl=1 603w, https:\/\/i0.wp.com\/itayachtscanada.com\/wp-content\/uploads\/2025\/06\/Capture-decran-le-2025-06-06-a-15.21.39.jpg?w=1436&amp;ssl=1 1436w\" sizes=\"auto, (max-width: 300px) 100vw, 300px\" \/> <img data-recalc-dims=\"1\" loading=\"lazy\" decoding=\"async\" data-attachment-id=\"264505\" data-permalink=\"https:\/\/itayachtscanada.com\/fr\/listing\/aquila-54-2023-1859000-usd-for-sale\/capture-decran-le-2025-06-06-a-15-21-36\/\" data-orig-file=\"https:\/\/i0.wp.com\/itayachtscanada.com\/wp-content\/uploads\/2025\/06\/Capture-decran-le-2025-06-06-a-15.21.36.jpg?fit=1436%2C952&amp;ssl=1\" data-orig-size=\"1436,952\" data-comments-opened=\"1\" data-image-meta=\"{&quot;aperture&quot;:&quot;0&quot;,&quot;credit&quot;:&quot;&quot;,&quot;camera&quot;:&quot;&quot;,&quot;caption&quot;:&quot;&quot;,&quot;created_timestamp&quot;:&quot;0&quot;,&quot;copyright&quot;:&quot;&quot;,&quot;focal_length&quot;:&quot;0&quot;,&quot;iso&quot;:&quot;0&quot;,&quot;shutter_speed&quot;:&quot;0&quot;,&quot;title&quot;:&quot;&quot;,&quot;orientation&quot;:&quot;0&quot;}\" data-image-title=\"Capture d\u2019e\u0301cran, le 2025-06-06 a\u0300 15.21.36\" data-image-description=\"\" data-image-caption=\"\" data-large-file=\"https:\/\/i0.wp.com\/itayachtscanada.com\/wp-content\/uploads\/2025\/06\/Capture-decran-le-2025-06-06-a-15.21.36.jpg?fit=700%2C464&amp;ssl=1\" class=\"alignnone size-medium wp-image-264505\" src=\"https:\/\/i0.wp.com\/itayachtscanada.com\/wp-content\/uploads\/2025\/06\/Capture-decran-le-2025-06-06-a-15.21.36.jpg?resize=300%2C199&#038;ssl=1\" alt=\"\" width=\"300\" height=\"199\" srcset=\"https:\/\/i0.wp.com\/itayachtscanada.com\/wp-content\/uploads\/2025\/06\/Capture-decran-le-2025-06-06-a-15.21.36.jpg?resize=300%2C199&amp;ssl=1 300w, https:\/\/i0.wp.com\/itayachtscanada.com\/wp-content\/uploads\/2025\/06\/Capture-decran-le-2025-06-06-a-15.21.36.jpg?resize=1024%2C679&amp;ssl=1 1024w, https:\/\/i0.wp.com\/itayachtscanada.com\/wp-content\/uploads\/2025\/06\/Capture-decran-le-2025-06-06-a-15.21.36.jpg?resize=768%2C509&amp;ssl=1 768w, https:\/\/i0.wp.com\/itayachtscanada.com\/wp-content\/uploads\/2025\/06\/Capture-decran-le-2025-06-06-a-15.21.36.jpg?resize=700%2C464&amp;ssl=1 700w, https:\/\/i0.wp.com\/itayachtscanada.com\/wp-content\/uploads\/2025\/06\/Capture-decran-le-2025-06-06-a-15.21.36.jpg?resize=900%2C600&amp;ssl=1 900w, https:\/\/i0.wp.com\/itayachtscanada.com\/wp-content\/uploads\/2025\/06\/Capture-decran-le-2025-06-06-a-15.21.36.jpg?resize=603%2C400&amp;ssl=1 603w, https:\/\/i0.wp.com\/itayachtscanada.com\/wp-content\/uploads\/2025\/06\/Capture-decran-le-2025-06-06-a-15.21.36.jpg?w=1436&amp;ssl=1 1436w\" sizes=\"auto, (max-width: 300px) 100vw, 300px\" \/> <img data-recalc-dims=\"1\" loading=\"lazy\" decoding=\"async\" data-attachment-id=\"264506\" data-permalink=\"https:\/\/itayachtscanada.com\/fr\/listing\/aquila-54-2023-1859000-usd-for-sale\/capture-decran-le-2025-06-06-a-15-21-31\/\" data-orig-file=\"https:\/\/i0.wp.com\/itayachtscanada.com\/wp-content\/uploads\/2025\/06\/Capture-decran-le-2025-06-06-a-15.21.31.jpg?fit=1436%2C952&amp;ssl=1\" data-orig-size=\"1436,952\" data-comments-opened=\"1\" data-image-meta=\"{&quot;aperture&quot;:&quot;0&quot;,&quot;credit&quot;:&quot;&quot;,&quot;camera&quot;:&quot;&quot;,&quot;caption&quot;:&quot;&quot;,&quot;created_timestamp&quot;:&quot;0&quot;,&quot;copyright&quot;:&quot;&quot;,&quot;focal_length&quot;:&quot;0&quot;,&quot;iso&quot;:&quot;0&quot;,&quot;shutter_speed&quot;:&quot;0&quot;,&quot;title&quot;:&quot;&quot;,&quot;orientation&quot;:&quot;0&quot;}\" data-image-title=\"Capture d\u2019e\u0301cran, le 2025-06-06 a\u0300 15.21.31\" data-image-description=\"\" data-image-caption=\"\" data-large-file=\"https:\/\/i0.wp.com\/itayachtscanada.com\/wp-content\/uploads\/2025\/06\/Capture-decran-le-2025-06-06-a-15.21.31.jpg?fit=700%2C464&amp;ssl=1\" class=\"alignnone size-medium wp-image-264506\" src=\"https:\/\/i0.wp.com\/itayachtscanada.com\/wp-content\/uploads\/2025\/06\/Capture-decran-le-2025-06-06-a-15.21.31.jpg?resize=300%2C199&#038;ssl=1\" alt=\"\" width=\"300\" height=\"199\" srcset=\"https:\/\/i0.wp.com\/itayachtscanada.com\/wp-content\/uploads\/2025\/06\/Capture-decran-le-2025-06-06-a-15.21.31.jpg?resize=300%2C199&amp;ssl=1 300w, https:\/\/i0.wp.com\/itayachtscanada.com\/wp-content\/uploads\/2025\/06\/Capture-decran-le-2025-06-06-a-15.21.31.jpg?resize=1024%2C679&amp;ssl=1 1024w, https:\/\/i0.wp.com\/itayachtscanada.com\/wp-content\/uploads\/2025\/06\/Capture-decran-le-2025-06-06-a-15.21.31.jpg?resize=768%2C509&amp;ssl=1 768w, https:\/\/i0.wp.com\/itayachtscanada.com\/wp-content\/uploads\/2025\/06\/Capture-decran-le-2025-06-06-a-15.21.31.jpg?resize=700%2C464&amp;ssl=1 700w, https:\/\/i0.wp.com\/itayachtscanada.com\/wp-content\/uploads\/2025\/06\/Capture-decran-le-2025-06-06-a-15.21.31.jpg?resize=900%2C600&amp;ssl=1 900w, https:\/\/i0.wp.com\/itayachtscanada.com\/wp-content\/uploads\/2025\/06\/Capture-decran-le-2025-06-06-a-15.21.31.jpg?resize=603%2C400&amp;ssl=1 603w, https:\/\/i0.wp.com\/itayachtscanada.com\/wp-content\/uploads\/2025\/06\/Capture-decran-le-2025-06-06-a-15.21.31.jpg?w=1436&amp;ssl=1 1436w\" sizes=\"auto, (max-width: 300px) 100vw, 300px\" \/> <img data-recalc-dims=\"1\" loading=\"lazy\" decoding=\"async\" data-attachment-id=\"264507\" data-permalink=\"https:\/\/itayachtscanada.com\/fr\/listing\/aquila-54-2023-1859000-usd-for-sale\/capture-decran-le-2025-06-06-a-15-21-26\/\" data-orig-file=\"https:\/\/i0.wp.com\/itayachtscanada.com\/wp-content\/uploads\/2025\/06\/Capture-decran-le-2025-06-06-a-15.21.26.jpg?fit=1436%2C952&amp;ssl=1\" data-orig-size=\"1436,952\" data-comments-opened=\"1\" data-image-meta=\"{&quot;aperture&quot;:&quot;0&quot;,&quot;credit&quot;:&quot;&quot;,&quot;camera&quot;:&quot;&quot;,&quot;caption&quot;:&quot;&quot;,&quot;created_timestamp&quot;:&quot;0&quot;,&quot;copyright&quot;:&quot;&quot;,&quot;focal_length&quot;:&quot;0&quot;,&quot;iso&quot;:&quot;0&quot;,&quot;shutter_speed&quot;:&quot;0&quot;,&quot;title&quot;:&quot;&quot;,&quot;orientation&quot;:&quot;0&quot;}\" data-image-title=\"Capture d\u2019e\u0301cran, le 2025-06-06 a\u0300 15.21.26\" data-image-description=\"\" data-image-caption=\"\" data-large-file=\"https:\/\/i0.wp.com\/itayachtscanada.com\/wp-content\/uploads\/2025\/06\/Capture-decran-le-2025-06-06-a-15.21.26.jpg?fit=700%2C464&amp;ssl=1\" class=\"alignnone size-medium wp-image-264507\" src=\"https:\/\/i0.wp.com\/itayachtscanada.com\/wp-content\/uploads\/2025\/06\/Capture-decran-le-2025-06-06-a-15.21.26.jpg?resize=300%2C199&#038;ssl=1\" alt=\"\" width=\"300\" height=\"199\" srcset=\"https:\/\/i0.wp.com\/itayachtscanada.com\/wp-content\/uploads\/2025\/06\/Capture-decran-le-2025-06-06-a-15.21.26.jpg?resize=300%2C199&amp;ssl=1 300w, https:\/\/i0.wp.com\/itayachtscanada.com\/wp-content\/uploads\/2025\/06\/Capture-decran-le-2025-06-06-a-15.21.26.jpg?resize=1024%2C679&amp;ssl=1 1024w, https:\/\/i0.wp.com\/itayachtscanada.com\/wp-content\/uploads\/2025\/06\/Capture-decran-le-2025-06-06-a-15.21.26.jpg?resize=768%2C509&amp;ssl=1 768w, https:\/\/i0.wp.com\/itayachtscanada.com\/wp-content\/uploads\/2025\/06\/Capture-decran-le-2025-06-06-a-15.21.26.jpg?resize=700%2C464&amp;ssl=1 700w, https:\/\/i0.wp.com\/itayachtscanada.com\/wp-content\/uploads\/2025\/06\/Capture-decran-le-2025-06-06-a-15.21.26.jpg?resize=900%2C600&amp;ssl=1 900w, https:\/\/i0.wp.com\/itayachtscanada.com\/wp-content\/uploads\/2025\/06\/Capture-decran-le-2025-06-06-a-15.21.26.jpg?resize=603%2C400&amp;ssl=1 603w, https:\/\/i0.wp.com\/itayachtscanada.com\/wp-content\/uploads\/2025\/06\/Capture-decran-le-2025-06-06-a-15.21.26.jpg?w=1436&amp;ssl=1 1436w\" sizes=\"auto, (max-width: 300px) 100vw, 300px\" \/> <img data-recalc-dims=\"1\" loading=\"lazy\" decoding=\"async\" data-attachment-id=\"264508\" data-permalink=\"https:\/\/itayachtscanada.com\/fr\/listing\/aquila-54-2023-1859000-usd-for-sale\/capture-decran-le-2025-06-06-a-15-21-22\/\" data-orig-file=\"https:\/\/i0.wp.com\/itayachtscanada.com\/wp-content\/uploads\/2025\/06\/Capture-decran-le-2025-06-06-a-15.21.22.jpg?fit=1436%2C952&amp;ssl=1\" data-orig-size=\"1436,952\" data-comments-opened=\"1\" data-image-meta=\"{&quot;aperture&quot;:&quot;0&quot;,&quot;credit&quot;:&quot;&quot;,&quot;camera&quot;:&quot;&quot;,&quot;caption&quot;:&quot;&quot;,&quot;created_timestamp&quot;:&quot;0&quot;,&quot;copyright&quot;:&quot;&quot;,&quot;focal_length&quot;:&quot;0&quot;,&quot;iso&quot;:&quot;0&quot;,&quot;shutter_speed&quot;:&quot;0&quot;,&quot;title&quot;:&quot;&quot;,&quot;orientation&quot;:&quot;0&quot;}\" data-image-title=\"Capture d\u2019e\u0301cran, le 2025-06-06 a\u0300 15.21.22\" data-image-description=\"\" data-image-caption=\"\" data-large-file=\"https:\/\/i0.wp.com\/itayachtscanada.com\/wp-content\/uploads\/2025\/06\/Capture-decran-le-2025-06-06-a-15.21.22.jpg?fit=700%2C464&amp;ssl=1\" class=\"alignnone size-medium wp-image-264508\" src=\"https:\/\/i0.wp.com\/itayachtscanada.com\/wp-content\/uploads\/2025\/06\/Capture-decran-le-2025-06-06-a-15.21.22.jpg?resize=300%2C199&#038;ssl=1\" alt=\"\" width=\"300\" height=\"199\" srcset=\"https:\/\/i0.wp.com\/itayachtscanada.com\/wp-content\/uploads\/2025\/06\/Capture-decran-le-2025-06-06-a-15.21.22.jpg?resize=300%2C199&amp;ssl=1 300w, https:\/\/i0.wp.com\/itayachtscanada.com\/wp-content\/uploads\/2025\/06\/Capture-decran-le-2025-06-06-a-15.21.22.jpg?resize=1024%2C679&amp;ssl=1 1024w, https:\/\/i0.wp.com\/itayachtscanada.com\/wp-content\/uploads\/2025\/06\/Capture-decran-le-2025-06-06-a-15.21.22.jpg?resize=768%2C509&amp;ssl=1 768w, https:\/\/i0.wp.com\/itayachtscanada.com\/wp-content\/uploads\/2025\/06\/Capture-decran-le-2025-06-06-a-15.21.22.jpg?resize=700%2C464&amp;ssl=1 700w, https:\/\/i0.wp.com\/itayachtscanada.com\/wp-content\/uploads\/2025\/06\/Capture-decran-le-2025-06-06-a-15.21.22.jpg?resize=900%2C600&amp;ssl=1 900w, https:\/\/i0.wp.com\/itayachtscanada.com\/wp-content\/uploads\/2025\/06\/Capture-decran-le-2025-06-06-a-15.21.22.jpg?resize=603%2C400&amp;ssl=1 603w, https:\/\/i0.wp.com\/itayachtscanada.com\/wp-content\/uploads\/2025\/06\/Capture-decran-le-2025-06-06-a-15.21.22.jpg?w=1436&amp;ssl=1 1436w\" sizes=\"auto, (max-width: 300px) 100vw, 300px\" \/> <img data-recalc-dims=\"1\" loading=\"lazy\" decoding=\"async\" data-attachment-id=\"264509\" data-permalink=\"https:\/\/itayachtscanada.com\/fr\/listing\/aquila-54-2023-1859000-usd-for-sale\/capture-decran-le-2025-06-06-a-15-21-18\/\" data-orig-file=\"https:\/\/i0.wp.com\/itayachtscanada.com\/wp-content\/uploads\/2025\/06\/Capture-decran-le-2025-06-06-a-15.21.18.jpg?fit=1436%2C952&amp;ssl=1\" data-orig-size=\"1436,952\" data-comments-opened=\"1\" data-image-meta=\"{&quot;aperture&quot;:&quot;0&quot;,&quot;credit&quot;:&quot;&quot;,&quot;camera&quot;:&quot;&quot;,&quot;caption&quot;:&quot;&quot;,&quot;created_timestamp&quot;:&quot;0&quot;,&quot;copyright&quot;:&quot;&quot;,&quot;focal_length&quot;:&quot;0&quot;,&quot;iso&quot;:&quot;0&quot;,&quot;shutter_speed&quot;:&quot;0&quot;,&quot;title&quot;:&quot;&quot;,&quot;orientation&quot;:&quot;0&quot;}\" data-image-title=\"Capture d\u2019e\u0301cran, le 2025-06-06 a\u0300 15.21.18\" data-image-description=\"\" data-image-caption=\"\" data-large-file=\"https:\/\/i0.wp.com\/itayachtscanada.com\/wp-content\/uploads\/2025\/06\/Capture-decran-le-2025-06-06-a-15.21.18.jpg?fit=700%2C464&amp;ssl=1\" class=\"alignnone size-medium wp-image-264509\" src=\"https:\/\/i0.wp.com\/itayachtscanada.com\/wp-content\/uploads\/2025\/06\/Capture-decran-le-2025-06-06-a-15.21.18.jpg?resize=300%2C199&#038;ssl=1\" alt=\"\" width=\"300\" height=\"199\" srcset=\"https:\/\/i0.wp.com\/itayachtscanada.com\/wp-content\/uploads\/2025\/06\/Capture-decran-le-2025-06-06-a-15.21.18.jpg?resize=300%2C199&amp;ssl=1 300w, https:\/\/i0.wp.com\/itayachtscanada.com\/wp-content\/uploads\/2025\/06\/Capture-decran-le-2025-06-06-a-15.21.18.jpg?resize=1024%2C679&amp;ssl=1 1024w, https:\/\/i0.wp.com\/itayachtscanada.com\/wp-content\/uploads\/2025\/06\/Capture-decran-le-2025-06-06-a-15.21.18.jpg?resize=768%2C509&amp;ssl=1 768w, https:\/\/i0.wp.com\/itayachtscanada.com\/wp-content\/uploads\/2025\/06\/Capture-decran-le-2025-06-06-a-15.21.18.jpg?resize=700%2C464&amp;ssl=1 700w, https:\/\/i0.wp.com\/itayachtscanada.com\/wp-content\/uploads\/2025\/06\/Capture-decran-le-2025-06-06-a-15.21.18.jpg?resize=900%2C600&amp;ssl=1 900w, https:\/\/i0.wp.com\/itayachtscanada.com\/wp-content\/uploads\/2025\/06\/Capture-decran-le-2025-06-06-a-15.21.18.jpg?resize=603%2C400&amp;ssl=1 603w, https:\/\/i0.wp.com\/itayachtscanada.com\/wp-content\/uploads\/2025\/06\/Capture-decran-le-2025-06-06-a-15.21.18.jpg?w=1436&amp;ssl=1 1436w\" sizes=\"auto, (max-width: 300px) 100vw, 300px\" \/> <img data-recalc-dims=\"1\" loading=\"lazy\" decoding=\"async\" data-attachment-id=\"264510\" data-permalink=\"https:\/\/itayachtscanada.com\/fr\/listing\/aquila-54-2023-1859000-usd-for-sale\/capture-decran-le-2025-06-06-a-15-21-08\/\" data-orig-file=\"https:\/\/i0.wp.com\/itayachtscanada.com\/wp-content\/uploads\/2025\/06\/Capture-decran-le-2025-06-06-a-15.21.08.jpg?fit=1436%2C952&amp;ssl=1\" data-orig-size=\"1436,952\" data-comments-opened=\"1\" data-image-meta=\"{&quot;aperture&quot;:&quot;0&quot;,&quot;credit&quot;:&quot;&quot;,&quot;camera&quot;:&quot;&quot;,&quot;caption&quot;:&quot;&quot;,&quot;created_timestamp&quot;:&quot;0&quot;,&quot;copyright&quot;:&quot;&quot;,&quot;focal_length&quot;:&quot;0&quot;,&quot;iso&quot;:&quot;0&quot;,&quot;shutter_speed&quot;:&quot;0&quot;,&quot;title&quot;:&quot;&quot;,&quot;orientation&quot;:&quot;0&quot;}\" data-image-title=\"Capture d\u2019e\u0301cran, le 2025-06-06 a\u0300 15.21.08\" data-image-description=\"\" data-image-caption=\"\" data-large-file=\"https:\/\/i0.wp.com\/itayachtscanada.com\/wp-content\/uploads\/2025\/06\/Capture-decran-le-2025-06-06-a-15.21.08.jpg?fit=700%2C464&amp;ssl=1\" class=\"alignnone size-medium wp-image-264510\" src=\"https:\/\/i0.wp.com\/itayachtscanada.com\/wp-content\/uploads\/2025\/06\/Capture-decran-le-2025-06-06-a-15.21.08.jpg?resize=300%2C199&#038;ssl=1\" alt=\"\" width=\"300\" height=\"199\" srcset=\"https:\/\/i0.wp.com\/itayachtscanada.com\/wp-content\/uploads\/2025\/06\/Capture-decran-le-2025-06-06-a-15.21.08.jpg?resize=300%2C199&amp;ssl=1 300w, https:\/\/i0.wp.com\/itayachtscanada.com\/wp-content\/uploads\/2025\/06\/Capture-decran-le-2025-06-06-a-15.21.08.jpg?resize=1024%2C679&amp;ssl=1 1024w, https:\/\/i0.wp.com\/itayachtscanada.com\/wp-content\/uploads\/2025\/06\/Capture-decran-le-2025-06-06-a-15.21.08.jpg?resize=768%2C509&amp;ssl=1 768w, https:\/\/i0.wp.com\/itayachtscanada.com\/wp-content\/uploads\/2025\/06\/Capture-decran-le-2025-06-06-a-15.21.08.jpg?resize=700%2C464&amp;ssl=1 700w, https:\/\/i0.wp.com\/itayachtscanada.com\/wp-content\/uploads\/2025\/06\/Capture-decran-le-2025-06-06-a-15.21.08.jpg?resize=900%2C600&amp;ssl=1 900w, https:\/\/i0.wp.com\/itayachtscanada.com\/wp-content\/uploads\/2025\/06\/Capture-decran-le-2025-06-06-a-15.21.08.jpg?resize=603%2C400&amp;ssl=1 603w, https:\/\/i0.wp.com\/itayachtscanada.com\/wp-content\/uploads\/2025\/06\/Capture-decran-le-2025-06-06-a-15.21.08.jpg?w=1436&amp;ssl=1 1436w\" sizes=\"auto, (max-width: 300px) 100vw, 300px\" \/> <img data-recalc-dims=\"1\" loading=\"lazy\" decoding=\"async\" data-attachment-id=\"264511\" data-permalink=\"https:\/\/itayachtscanada.com\/fr\/listing\/aquila-54-2023-1859000-usd-for-sale\/capture-decran-le-2025-06-06-a-15-21-04\/\" data-orig-file=\"https:\/\/i0.wp.com\/itayachtscanada.com\/wp-content\/uploads\/2025\/06\/Capture-decran-le-2025-06-06-a-15.21.04.jpg?fit=1436%2C952&amp;ssl=1\" data-orig-size=\"1436,952\" data-comments-opened=\"1\" data-image-meta=\"{&quot;aperture&quot;:&quot;0&quot;,&quot;credit&quot;:&quot;&quot;,&quot;camera&quot;:&quot;&quot;,&quot;caption&quot;:&quot;&quot;,&quot;created_timestamp&quot;:&quot;0&quot;,&quot;copyright&quot;:&quot;&quot;,&quot;focal_length&quot;:&quot;0&quot;,&quot;iso&quot;:&quot;0&quot;,&quot;shutter_speed&quot;:&quot;0&quot;,&quot;title&quot;:&quot;&quot;,&quot;orientation&quot;:&quot;0&quot;}\" data-image-title=\"Capture d\u2019e\u0301cran, le 2025-06-06 a\u0300 15.21.04\" data-image-description=\"\" data-image-caption=\"\" data-large-file=\"https:\/\/i0.wp.com\/itayachtscanada.com\/wp-content\/uploads\/2025\/06\/Capture-decran-le-2025-06-06-a-15.21.04.jpg?fit=700%2C464&amp;ssl=1\" class=\"alignnone size-medium wp-image-264511\" src=\"https:\/\/i0.wp.com\/itayachtscanada.com\/wp-content\/uploads\/2025\/06\/Capture-decran-le-2025-06-06-a-15.21.04.jpg?resize=300%2C199&#038;ssl=1\" alt=\"\" width=\"300\" height=\"199\" srcset=\"https:\/\/i0.wp.com\/itayachtscanada.com\/wp-content\/uploads\/2025\/06\/Capture-decran-le-2025-06-06-a-15.21.04.jpg?resize=300%2C199&amp;ssl=1 300w, https:\/\/i0.wp.com\/itayachtscanada.com\/wp-content\/uploads\/2025\/06\/Capture-decran-le-2025-06-06-a-15.21.04.jpg?resize=1024%2C679&amp;ssl=1 1024w, https:\/\/i0.wp.com\/itayachtscanada.com\/wp-content\/uploads\/2025\/06\/Capture-decran-le-2025-06-06-a-15.21.04.jpg?resize=768%2C509&amp;ssl=1 768w, https:\/\/i0.wp.com\/itayachtscanada.com\/wp-content\/uploads\/2025\/06\/Capture-decran-le-2025-06-06-a-15.21.04.jpg?resize=700%2C464&amp;ssl=1 700w, https:\/\/i0.wp.com\/itayachtscanada.com\/wp-content\/uploads\/2025\/06\/Capture-decran-le-2025-06-06-a-15.21.04.jpg?resize=900%2C600&amp;ssl=1 900w, https:\/\/i0.wp.com\/itayachtscanada.com\/wp-content\/uploads\/2025\/06\/Capture-decran-le-2025-06-06-a-15.21.04.jpg?resize=603%2C400&amp;ssl=1 603w, https:\/\/i0.wp.com\/itayachtscanada.com\/wp-content\/uploads\/2025\/06\/Capture-decran-le-2025-06-06-a-15.21.04.jpg?w=1436&amp;ssl=1 1436w\" sizes=\"auto, (max-width: 300px) 100vw, 300px\" \/> <img data-recalc-dims=\"1\" loading=\"lazy\" decoding=\"async\" data-attachment-id=\"264512\" data-permalink=\"https:\/\/itayachtscanada.com\/fr\/listing\/aquila-54-2023-1859000-usd-for-sale\/capture-decran-le-2025-06-06-a-15-20-58\/\" data-orig-file=\"https:\/\/i0.wp.com\/itayachtscanada.com\/wp-content\/uploads\/2025\/06\/Capture-decran-le-2025-06-06-a-15.20.58.jpg?fit=1436%2C952&amp;ssl=1\" data-orig-size=\"1436,952\" data-comments-opened=\"1\" data-image-meta=\"{&quot;aperture&quot;:&quot;0&quot;,&quot;credit&quot;:&quot;&quot;,&quot;camera&quot;:&quot;&quot;,&quot;caption&quot;:&quot;&quot;,&quot;created_timestamp&quot;:&quot;0&quot;,&quot;copyright&quot;:&quot;&quot;,&quot;focal_length&quot;:&quot;0&quot;,&quot;iso&quot;:&quot;0&quot;,&quot;shutter_speed&quot;:&quot;0&quot;,&quot;title&quot;:&quot;&quot;,&quot;orientation&quot;:&quot;0&quot;}\" data-image-title=\"Capture d\u2019e\u0301cran, le 2025-06-06 a\u0300 15.20.58\" data-image-description=\"\" data-image-caption=\"\" data-large-file=\"https:\/\/i0.wp.com\/itayachtscanada.com\/wp-content\/uploads\/2025\/06\/Capture-decran-le-2025-06-06-a-15.20.58.jpg?fit=700%2C464&amp;ssl=1\" class=\"alignnone size-medium wp-image-264512\" src=\"https:\/\/i0.wp.com\/itayachtscanada.com\/wp-content\/uploads\/2025\/06\/Capture-decran-le-2025-06-06-a-15.20.58.jpg?resize=300%2C199&#038;ssl=1\" alt=\"\" width=\"300\" height=\"199\" srcset=\"https:\/\/i0.wp.com\/itayachtscanada.com\/wp-content\/uploads\/2025\/06\/Capture-decran-le-2025-06-06-a-15.20.58.jpg?resize=300%2C199&amp;ssl=1 300w, https:\/\/i0.wp.com\/itayachtscanada.com\/wp-content\/uploads\/2025\/06\/Capture-decran-le-2025-06-06-a-15.20.58.jpg?resize=1024%2C679&amp;ssl=1 1024w, https:\/\/i0.wp.com\/itayachtscanada.com\/wp-content\/uploads\/2025\/06\/Capture-decran-le-2025-06-06-a-15.20.58.jpg?resize=768%2C509&amp;ssl=1 768w, https:\/\/i0.wp.com\/itayachtscanada.com\/wp-content\/uploads\/2025\/06\/Capture-decran-le-2025-06-06-a-15.20.58.jpg?resize=700%2C464&amp;ssl=1 700w, https:\/\/i0.wp.com\/itayachtscanada.com\/wp-content\/uploads\/2025\/06\/Capture-decran-le-2025-06-06-a-15.20.58.jpg?resize=900%2C600&amp;ssl=1 900w, https:\/\/i0.wp.com\/itayachtscanada.com\/wp-content\/uploads\/2025\/06\/Capture-decran-le-2025-06-06-a-15.20.58.jpg?resize=603%2C400&amp;ssl=1 603w, https:\/\/i0.wp.com\/itayachtscanada.com\/wp-content\/uploads\/2025\/06\/Capture-decran-le-2025-06-06-a-15.20.58.jpg?w=1436&amp;ssl=1 1436w\" sizes=\"auto, (max-width: 300px) 100vw, 300px\" \/> <img data-recalc-dims=\"1\" loading=\"lazy\" decoding=\"async\" data-attachment-id=\"264513\" data-permalink=\"https:\/\/itayachtscanada.com\/fr\/listing\/aquila-54-2023-1859000-usd-for-sale\/capture-decran-le-2025-06-06-a-15-20-53\/\" data-orig-file=\"https:\/\/i0.wp.com\/itayachtscanada.com\/wp-content\/uploads\/2025\/06\/Capture-decran-le-2025-06-06-a-15.20.53.jpg?fit=1436%2C952&amp;ssl=1\" data-orig-size=\"1436,952\" data-comments-opened=\"1\" data-image-meta=\"{&quot;aperture&quot;:&quot;0&quot;,&quot;credit&quot;:&quot;&quot;,&quot;camera&quot;:&quot;&quot;,&quot;caption&quot;:&quot;&quot;,&quot;created_timestamp&quot;:&quot;0&quot;,&quot;copyright&quot;:&quot;&quot;,&quot;focal_length&quot;:&quot;0&quot;,&quot;iso&quot;:&quot;0&quot;,&quot;shutter_speed&quot;:&quot;0&quot;,&quot;title&quot;:&quot;&quot;,&quot;orientation&quot;:&quot;0&quot;}\" data-image-title=\"Capture d\u2019e\u0301cran, le 2025-06-06 a\u0300 15.20.53\" data-image-description=\"\" data-image-caption=\"\" data-large-file=\"https:\/\/i0.wp.com\/itayachtscanada.com\/wp-content\/uploads\/2025\/06\/Capture-decran-le-2025-06-06-a-15.20.53.jpg?fit=700%2C464&amp;ssl=1\" class=\"alignnone size-medium wp-image-264513\" src=\"https:\/\/i0.wp.com\/itayachtscanada.com\/wp-content\/uploads\/2025\/06\/Capture-decran-le-2025-06-06-a-15.20.53.jpg?resize=300%2C199&#038;ssl=1\" alt=\"\" width=\"300\" height=\"199\" srcset=\"https:\/\/i0.wp.com\/itayachtscanada.com\/wp-content\/uploads\/2025\/06\/Capture-decran-le-2025-06-06-a-15.20.53.jpg?resize=300%2C199&amp;ssl=1 300w, https:\/\/i0.wp.com\/itayachtscanada.com\/wp-content\/uploads\/2025\/06\/Capture-decran-le-2025-06-06-a-15.20.53.jpg?resize=1024%2C679&amp;ssl=1 1024w, https:\/\/i0.wp.com\/itayachtscanada.com\/wp-content\/uploads\/2025\/06\/Capture-decran-le-2025-06-06-a-15.20.53.jpg?resize=768%2C509&amp;ssl=1 768w, https:\/\/i0.wp.com\/itayachtscanada.com\/wp-content\/uploads\/2025\/06\/Capture-decran-le-2025-06-06-a-15.20.53.jpg?resize=700%2C464&amp;ssl=1 700w, https:\/\/i0.wp.com\/itayachtscanada.com\/wp-content\/uploads\/2025\/06\/Capture-decran-le-2025-06-06-a-15.20.53.jpg?resize=900%2C600&amp;ssl=1 900w, https:\/\/i0.wp.com\/itayachtscanada.com\/wp-content\/uploads\/2025\/06\/Capture-decran-le-2025-06-06-a-15.20.53.jpg?resize=603%2C400&amp;ssl=1 603w, https:\/\/i0.wp.com\/itayachtscanada.com\/wp-content\/uploads\/2025\/06\/Capture-decran-le-2025-06-06-a-15.20.53.jpg?w=1436&amp;ssl=1 1436w\" sizes=\"auto, (max-width: 300px) 100vw, 300px\" \/> <img data-recalc-dims=\"1\" loading=\"lazy\" decoding=\"async\" data-attachment-id=\"264514\" data-permalink=\"https:\/\/itayachtscanada.com\/fr\/listing\/aquila-54-2023-1859000-usd-for-sale\/capture-decran-le-2025-06-06-a-15-20-50\/\" data-orig-file=\"https:\/\/i0.wp.com\/itayachtscanada.com\/wp-content\/uploads\/2025\/06\/Capture-decran-le-2025-06-06-a-15.20.50.jpg?fit=1436%2C952&amp;ssl=1\" data-orig-size=\"1436,952\" data-comments-opened=\"1\" data-image-meta=\"{&quot;aperture&quot;:&quot;0&quot;,&quot;credit&quot;:&quot;&quot;,&quot;camera&quot;:&quot;&quot;,&quot;caption&quot;:&quot;&quot;,&quot;created_timestamp&quot;:&quot;0&quot;,&quot;copyright&quot;:&quot;&quot;,&quot;focal_length&quot;:&quot;0&quot;,&quot;iso&quot;:&quot;0&quot;,&quot;shutter_speed&quot;:&quot;0&quot;,&quot;title&quot;:&quot;&quot;,&quot;orientation&quot;:&quot;0&quot;}\" data-image-title=\"Capture d\u2019e\u0301cran, le 2025-06-06 a\u0300 15.20.50\" data-image-description=\"\" data-image-caption=\"\" data-large-file=\"https:\/\/i0.wp.com\/itayachtscanada.com\/wp-content\/uploads\/2025\/06\/Capture-decran-le-2025-06-06-a-15.20.50.jpg?fit=700%2C464&amp;ssl=1\" class=\"alignnone size-medium wp-image-264514\" src=\"https:\/\/i0.wp.com\/itayachtscanada.com\/wp-content\/uploads\/2025\/06\/Capture-decran-le-2025-06-06-a-15.20.50.jpg?resize=300%2C199&#038;ssl=1\" alt=\"\" width=\"300\" height=\"199\" srcset=\"https:\/\/i0.wp.com\/itayachtscanada.com\/wp-content\/uploads\/2025\/06\/Capture-decran-le-2025-06-06-a-15.20.50.jpg?resize=300%2C199&amp;ssl=1 300w, https:\/\/i0.wp.com\/itayachtscanada.com\/wp-content\/uploads\/2025\/06\/Capture-decran-le-2025-06-06-a-15.20.50.jpg?resize=1024%2C679&amp;ssl=1 1024w, https:\/\/i0.wp.com\/itayachtscanada.com\/wp-content\/uploads\/2025\/06\/Capture-decran-le-2025-06-06-a-15.20.50.jpg?resize=768%2C509&amp;ssl=1 768w, https:\/\/i0.wp.com\/itayachtscanada.com\/wp-content\/uploads\/2025\/06\/Capture-decran-le-2025-06-06-a-15.20.50.jpg?resize=700%2C464&amp;ssl=1 700w, https:\/\/i0.wp.com\/itayachtscanada.com\/wp-content\/uploads\/2025\/06\/Capture-decran-le-2025-06-06-a-15.20.50.jpg?resize=900%2C600&amp;ssl=1 900w, https:\/\/i0.wp.com\/itayachtscanada.com\/wp-content\/uploads\/2025\/06\/Capture-decran-le-2025-06-06-a-15.20.50.jpg?resize=603%2C400&amp;ssl=1 603w, https:\/\/i0.wp.com\/itayachtscanada.com\/wp-content\/uploads\/2025\/06\/Capture-decran-le-2025-06-06-a-15.20.50.jpg?w=1436&amp;ssl=1 1436w\" sizes=\"auto, (max-width: 300px) 100vw, 300px\" \/> <img data-recalc-dims=\"1\" loading=\"lazy\" decoding=\"async\" data-attachment-id=\"264515\" data-permalink=\"https:\/\/itayachtscanada.com\/fr\/listing\/aquila-54-2023-1859000-usd-for-sale\/capture-decran-le-2025-06-06-a-15-20-46\/\" data-orig-file=\"https:\/\/i0.wp.com\/itayachtscanada.com\/wp-content\/uploads\/2025\/06\/Capture-decran-le-2025-06-06-a-15.20.46.jpg?fit=1436%2C952&amp;ssl=1\" data-orig-size=\"1436,952\" data-comments-opened=\"1\" data-image-meta=\"{&quot;aperture&quot;:&quot;0&quot;,&quot;credit&quot;:&quot;&quot;,&quot;camera&quot;:&quot;&quot;,&quot;caption&quot;:&quot;&quot;,&quot;created_timestamp&quot;:&quot;0&quot;,&quot;copyright&quot;:&quot;&quot;,&quot;focal_length&quot;:&quot;0&quot;,&quot;iso&quot;:&quot;0&quot;,&quot;shutter_speed&quot;:&quot;0&quot;,&quot;title&quot;:&quot;&quot;,&quot;orientation&quot;:&quot;0&quot;}\" data-image-title=\"Capture d\u2019e\u0301cran, le 2025-06-06 a\u0300 15.20.46\" data-image-description=\"\" data-image-caption=\"\" data-large-file=\"https:\/\/i0.wp.com\/itayachtscanada.com\/wp-content\/uploads\/2025\/06\/Capture-decran-le-2025-06-06-a-15.20.46.jpg?fit=700%2C464&amp;ssl=1\" class=\"alignnone size-medium wp-image-264515\" src=\"https:\/\/i0.wp.com\/itayachtscanada.com\/wp-content\/uploads\/2025\/06\/Capture-decran-le-2025-06-06-a-15.20.46.jpg?resize=300%2C199&#038;ssl=1\" alt=\"\" width=\"300\" height=\"199\" srcset=\"https:\/\/i0.wp.com\/itayachtscanada.com\/wp-content\/uploads\/2025\/06\/Capture-decran-le-2025-06-06-a-15.20.46.jpg?resize=300%2C199&amp;ssl=1 300w, https:\/\/i0.wp.com\/itayachtscanada.com\/wp-content\/uploads\/2025\/06\/Capture-decran-le-2025-06-06-a-15.20.46.jpg?resize=1024%2C679&amp;ssl=1 1024w, https:\/\/i0.wp.com\/itayachtscanada.com\/wp-content\/uploads\/2025\/06\/Capture-decran-le-2025-06-06-a-15.20.46.jpg?resize=768%2C509&amp;ssl=1 768w, https:\/\/i0.wp.com\/itayachtscanada.com\/wp-content\/uploads\/2025\/06\/Capture-decran-le-2025-06-06-a-15.20.46.jpg?resize=700%2C464&amp;ssl=1 700w, https:\/\/i0.wp.com\/itayachtscanada.com\/wp-content\/uploads\/2025\/06\/Capture-decran-le-2025-06-06-a-15.20.46.jpg?resize=900%2C600&amp;ssl=1 900w, https:\/\/i0.wp.com\/itayachtscanada.com\/wp-content\/uploads\/2025\/06\/Capture-decran-le-2025-06-06-a-15.20.46.jpg?resize=603%2C400&amp;ssl=1 603w, https:\/\/i0.wp.com\/itayachtscanada.com\/wp-content\/uploads\/2025\/06\/Capture-decran-le-2025-06-06-a-15.20.46.jpg?w=1436&amp;ssl=1 1436w\" sizes=\"auto, (max-width: 300px) 100vw, 300px\" \/> <img data-recalc-dims=\"1\" loading=\"lazy\" decoding=\"async\" data-attachment-id=\"264516\" data-permalink=\"https:\/\/itayachtscanada.com\/fr\/listing\/aquila-54-2023-1859000-usd-for-sale\/capture-decran-le-2025-06-06-a-15-20-43\/\" data-orig-file=\"https:\/\/i0.wp.com\/itayachtscanada.com\/wp-content\/uploads\/2025\/06\/Capture-decran-le-2025-06-06-a-15.20.43.jpg?fit=1436%2C952&amp;ssl=1\" data-orig-size=\"1436,952\" data-comments-opened=\"1\" data-image-meta=\"{&quot;aperture&quot;:&quot;0&quot;,&quot;credit&quot;:&quot;&quot;,&quot;camera&quot;:&quot;&quot;,&quot;caption&quot;:&quot;&quot;,&quot;created_timestamp&quot;:&quot;0&quot;,&quot;copyright&quot;:&quot;&quot;,&quot;focal_length&quot;:&quot;0&quot;,&quot;iso&quot;:&quot;0&quot;,&quot;shutter_speed&quot;:&quot;0&quot;,&quot;title&quot;:&quot;&quot;,&quot;orientation&quot;:&quot;0&quot;}\" data-image-title=\"Capture d\u2019e\u0301cran, le 2025-06-06 a\u0300 15.20.43\" data-image-description=\"\" data-image-caption=\"\" data-large-file=\"https:\/\/i0.wp.com\/itayachtscanada.com\/wp-content\/uploads\/2025\/06\/Capture-decran-le-2025-06-06-a-15.20.43.jpg?fit=700%2C464&amp;ssl=1\" class=\"alignnone size-medium wp-image-264516\" src=\"https:\/\/i0.wp.com\/itayachtscanada.com\/wp-content\/uploads\/2025\/06\/Capture-decran-le-2025-06-06-a-15.20.43.jpg?resize=300%2C199&#038;ssl=1\" alt=\"\" width=\"300\" height=\"199\" srcset=\"https:\/\/i0.wp.com\/itayachtscanada.com\/wp-content\/uploads\/2025\/06\/Capture-decran-le-2025-06-06-a-15.20.43.jpg?resize=300%2C199&amp;ssl=1 300w, https:\/\/i0.wp.com\/itayachtscanada.com\/wp-content\/uploads\/2025\/06\/Capture-decran-le-2025-06-06-a-15.20.43.jpg?resize=1024%2C679&amp;ssl=1 1024w, https:\/\/i0.wp.com\/itayachtscanada.com\/wp-content\/uploads\/2025\/06\/Capture-decran-le-2025-06-06-a-15.20.43.jpg?resize=768%2C509&amp;ssl=1 768w, https:\/\/i0.wp.com\/itayachtscanada.com\/wp-content\/uploads\/2025\/06\/Capture-decran-le-2025-06-06-a-15.20.43.jpg?resize=700%2C464&amp;ssl=1 700w, https:\/\/i0.wp.com\/itayachtscanada.com\/wp-content\/uploads\/2025\/06\/Capture-decran-le-2025-06-06-a-15.20.43.jpg?resize=900%2C600&amp;ssl=1 900w, https:\/\/i0.wp.com\/itayachtscanada.com\/wp-content\/uploads\/2025\/06\/Capture-decran-le-2025-06-06-a-15.20.43.jpg?resize=603%2C400&amp;ssl=1 603w, https:\/\/i0.wp.com\/itayachtscanada.com\/wp-content\/uploads\/2025\/06\/Capture-decran-le-2025-06-06-a-15.20.43.jpg?w=1436&amp;ssl=1 1436w\" sizes=\"auto, (max-width: 300px) 100vw, 300px\" \/> <img data-recalc-dims=\"1\" loading=\"lazy\" decoding=\"async\" data-attachment-id=\"264517\" data-permalink=\"https:\/\/itayachtscanada.com\/fr\/listing\/aquila-54-2023-1859000-usd-for-sale\/capture-decran-le-2025-06-06-a-15-20-39\/\" data-orig-file=\"https:\/\/i0.wp.com\/itayachtscanada.com\/wp-content\/uploads\/2025\/06\/Capture-decran-le-2025-06-06-a-15.20.39.jpg?fit=1436%2C952&amp;ssl=1\" data-orig-size=\"1436,952\" data-comments-opened=\"1\" data-image-meta=\"{&quot;aperture&quot;:&quot;0&quot;,&quot;credit&quot;:&quot;&quot;,&quot;camera&quot;:&quot;&quot;,&quot;caption&quot;:&quot;&quot;,&quot;created_timestamp&quot;:&quot;0&quot;,&quot;copyright&quot;:&quot;&quot;,&quot;focal_length&quot;:&quot;0&quot;,&quot;iso&quot;:&quot;0&quot;,&quot;shutter_speed&quot;:&quot;0&quot;,&quot;title&quot;:&quot;&quot;,&quot;orientation&quot;:&quot;0&quot;}\" data-image-title=\"Capture d\u2019e\u0301cran, le 2025-06-06 a\u0300 15.20.39\" data-image-description=\"\" data-image-caption=\"\" data-large-file=\"https:\/\/i0.wp.com\/itayachtscanada.com\/wp-content\/uploads\/2025\/06\/Capture-decran-le-2025-06-06-a-15.20.39.jpg?fit=700%2C464&amp;ssl=1\" class=\"alignnone size-medium wp-image-264517\" src=\"https:\/\/i0.wp.com\/itayachtscanada.com\/wp-content\/uploads\/2025\/06\/Capture-decran-le-2025-06-06-a-15.20.39.jpg?resize=300%2C199&#038;ssl=1\" alt=\"\" width=\"300\" height=\"199\" srcset=\"https:\/\/i0.wp.com\/itayachtscanada.com\/wp-content\/uploads\/2025\/06\/Capture-decran-le-2025-06-06-a-15.20.39.jpg?resize=300%2C199&amp;ssl=1 300w, https:\/\/i0.wp.com\/itayachtscanada.com\/wp-content\/uploads\/2025\/06\/Capture-decran-le-2025-06-06-a-15.20.39.jpg?resize=1024%2C679&amp;ssl=1 1024w, https:\/\/i0.wp.com\/itayachtscanada.com\/wp-content\/uploads\/2025\/06\/Capture-decran-le-2025-06-06-a-15.20.39.jpg?resize=768%2C509&amp;ssl=1 768w, https:\/\/i0.wp.com\/itayachtscanada.com\/wp-content\/uploads\/2025\/06\/Capture-decran-le-2025-06-06-a-15.20.39.jpg?resize=700%2C464&amp;ssl=1 700w, https:\/\/i0.wp.com\/itayachtscanada.com\/wp-content\/uploads\/2025\/06\/Capture-decran-le-2025-06-06-a-15.20.39.jpg?resize=900%2C600&amp;ssl=1 900w, https:\/\/i0.wp.com\/itayachtscanada.com\/wp-content\/uploads\/2025\/06\/Capture-decran-le-2025-06-06-a-15.20.39.jpg?resize=603%2C400&amp;ssl=1 603w, https:\/\/i0.wp.com\/itayachtscanada.com\/wp-content\/uploads\/2025\/06\/Capture-decran-le-2025-06-06-a-15.20.39.jpg?w=1436&amp;ssl=1 1436w\" sizes=\"auto, (max-width: 300px) 100vw, 300px\" \/> <img data-recalc-dims=\"1\" loading=\"lazy\" decoding=\"async\" data-attachment-id=\"264518\" data-permalink=\"https:\/\/itayachtscanada.com\/fr\/listing\/aquila-54-2023-1859000-usd-for-sale\/capture-decran-le-2025-06-06-a-15-20-36\/\" data-orig-file=\"https:\/\/i0.wp.com\/itayachtscanada.com\/wp-content\/uploads\/2025\/06\/Capture-decran-le-2025-06-06-a-15.20.36.jpg?fit=1436%2C952&amp;ssl=1\" data-orig-size=\"1436,952\" data-comments-opened=\"1\" data-image-meta=\"{&quot;aperture&quot;:&quot;0&quot;,&quot;credit&quot;:&quot;&quot;,&quot;camera&quot;:&quot;&quot;,&quot;caption&quot;:&quot;&quot;,&quot;created_timestamp&quot;:&quot;0&quot;,&quot;copyright&quot;:&quot;&quot;,&quot;focal_length&quot;:&quot;0&quot;,&quot;iso&quot;:&quot;0&quot;,&quot;shutter_speed&quot;:&quot;0&quot;,&quot;title&quot;:&quot;&quot;,&quot;orientation&quot;:&quot;0&quot;}\" data-image-title=\"Capture d\u2019e\u0301cran, le 2025-06-06 a\u0300 15.20.36\" data-image-description=\"\" data-image-caption=\"\" data-large-file=\"https:\/\/i0.wp.com\/itayachtscanada.com\/wp-content\/uploads\/2025\/06\/Capture-decran-le-2025-06-06-a-15.20.36.jpg?fit=700%2C464&amp;ssl=1\" class=\"alignnone size-medium wp-image-264518\" src=\"https:\/\/i0.wp.com\/itayachtscanada.com\/wp-content\/uploads\/2025\/06\/Capture-decran-le-2025-06-06-a-15.20.36.jpg?resize=300%2C199&#038;ssl=1\" alt=\"\" width=\"300\" height=\"199\" srcset=\"https:\/\/i0.wp.com\/itayachtscanada.com\/wp-content\/uploads\/2025\/06\/Capture-decran-le-2025-06-06-a-15.20.36.jpg?resize=300%2C199&amp;ssl=1 300w, https:\/\/i0.wp.com\/itayachtscanada.com\/wp-content\/uploads\/2025\/06\/Capture-decran-le-2025-06-06-a-15.20.36.jpg?resize=1024%2C679&amp;ssl=1 1024w, https:\/\/i0.wp.com\/itayachtscanada.com\/wp-content\/uploads\/2025\/06\/Capture-decran-le-2025-06-06-a-15.20.36.jpg?resize=768%2C509&amp;ssl=1 768w, https:\/\/i0.wp.com\/itayachtscanada.com\/wp-content\/uploads\/2025\/06\/Capture-decran-le-2025-06-06-a-15.20.36.jpg?resize=700%2C464&amp;ssl=1 700w, https:\/\/i0.wp.com\/itayachtscanada.com\/wp-content\/uploads\/2025\/06\/Capture-decran-le-2025-06-06-a-15.20.36.jpg?resize=900%2C600&amp;ssl=1 900w, https:\/\/i0.wp.com\/itayachtscanada.com\/wp-content\/uploads\/2025\/06\/Capture-decran-le-2025-06-06-a-15.20.36.jpg?resize=603%2C400&amp;ssl=1 603w, https:\/\/i0.wp.com\/itayachtscanada.com\/wp-content\/uploads\/2025\/06\/Capture-decran-le-2025-06-06-a-15.20.36.jpg?w=1436&amp;ssl=1 1436w\" sizes=\"auto, (max-width: 300px) 100vw, 300px\" \/> <img data-recalc-dims=\"1\" loading=\"lazy\" decoding=\"async\" data-attachment-id=\"264519\" data-permalink=\"https:\/\/itayachtscanada.com\/fr\/listing\/aquila-54-2023-1859000-usd-for-sale\/capture-decran-le-2025-06-06-a-15-20-29\/\" data-orig-file=\"https:\/\/i0.wp.com\/itayachtscanada.com\/wp-content\/uploads\/2025\/06\/Capture-decran-le-2025-06-06-a-15.20.29.jpg?fit=1436%2C952&amp;ssl=1\" data-orig-size=\"1436,952\" data-comments-opened=\"1\" data-image-meta=\"{&quot;aperture&quot;:&quot;0&quot;,&quot;credit&quot;:&quot;&quot;,&quot;camera&quot;:&quot;&quot;,&quot;caption&quot;:&quot;&quot;,&quot;created_timestamp&quot;:&quot;0&quot;,&quot;copyright&quot;:&quot;&quot;,&quot;focal_length&quot;:&quot;0&quot;,&quot;iso&quot;:&quot;0&quot;,&quot;shutter_speed&quot;:&quot;0&quot;,&quot;title&quot;:&quot;&quot;,&quot;orientation&quot;:&quot;0&quot;}\" data-image-title=\"Capture d\u2019e\u0301cran, le 2025-06-06 a\u0300 15.20.29\" data-image-description=\"\" data-image-caption=\"\" data-large-file=\"https:\/\/i0.wp.com\/itayachtscanada.com\/wp-content\/uploads\/2025\/06\/Capture-decran-le-2025-06-06-a-15.20.29.jpg?fit=700%2C464&amp;ssl=1\" class=\"alignnone size-medium wp-image-264519\" src=\"https:\/\/i0.wp.com\/itayachtscanada.com\/wp-content\/uploads\/2025\/06\/Capture-decran-le-2025-06-06-a-15.20.29.jpg?resize=300%2C199&#038;ssl=1\" alt=\"\" width=\"300\" height=\"199\" srcset=\"https:\/\/i0.wp.com\/itayachtscanada.com\/wp-content\/uploads\/2025\/06\/Capture-decran-le-2025-06-06-a-15.20.29.jpg?resize=300%2C199&amp;ssl=1 300w, https:\/\/i0.wp.com\/itayachtscanada.com\/wp-content\/uploads\/2025\/06\/Capture-decran-le-2025-06-06-a-15.20.29.jpg?resize=1024%2C679&amp;ssl=1 1024w, https:\/\/i0.wp.com\/itayachtscanada.com\/wp-content\/uploads\/2025\/06\/Capture-decran-le-2025-06-06-a-15.20.29.jpg?resize=768%2C509&amp;ssl=1 768w, https:\/\/i0.wp.com\/itayachtscanada.com\/wp-content\/uploads\/2025\/06\/Capture-decran-le-2025-06-06-a-15.20.29.jpg?resize=700%2C464&amp;ssl=1 700w, https:\/\/i0.wp.com\/itayachtscanada.com\/wp-content\/uploads\/2025\/06\/Capture-decran-le-2025-06-06-a-15.20.29.jpg?resize=900%2C600&amp;ssl=1 900w, https:\/\/i0.wp.com\/itayachtscanada.com\/wp-content\/uploads\/2025\/06\/Capture-decran-le-2025-06-06-a-15.20.29.jpg?resize=603%2C400&amp;ssl=1 603w, https:\/\/i0.wp.com\/itayachtscanada.com\/wp-content\/uploads\/2025\/06\/Capture-decran-le-2025-06-06-a-15.20.29.jpg?w=1436&amp;ssl=1 1436w\" sizes=\"auto, (max-width: 300px) 100vw, 300px\" \/> <img data-recalc-dims=\"1\" loading=\"lazy\" decoding=\"async\" data-attachment-id=\"264520\" data-permalink=\"https:\/\/itayachtscanada.com\/fr\/listing\/aquila-54-2023-1859000-usd-for-sale\/capture-decran-le-2025-06-06-a-15-20-24\/\" data-orig-file=\"https:\/\/i0.wp.com\/itayachtscanada.com\/wp-content\/uploads\/2025\/06\/Capture-decran-le-2025-06-06-a-15.20.24.jpg?fit=1436%2C952&amp;ssl=1\" data-orig-size=\"1436,952\" data-comments-opened=\"1\" data-image-meta=\"{&quot;aperture&quot;:&quot;0&quot;,&quot;credit&quot;:&quot;&quot;,&quot;camera&quot;:&quot;&quot;,&quot;caption&quot;:&quot;&quot;,&quot;created_timestamp&quot;:&quot;0&quot;,&quot;copyright&quot;:&quot;&quot;,&quot;focal_length&quot;:&quot;0&quot;,&quot;iso&quot;:&quot;0&quot;,&quot;shutter_speed&quot;:&quot;0&quot;,&quot;title&quot;:&quot;&quot;,&quot;orientation&quot;:&quot;0&quot;}\" data-image-title=\"Capture d\u2019e\u0301cran, le 2025-06-06 a\u0300 15.20.24\" data-image-description=\"\" data-image-caption=\"\" data-large-file=\"https:\/\/i0.wp.com\/itayachtscanada.com\/wp-content\/uploads\/2025\/06\/Capture-decran-le-2025-06-06-a-15.20.24.jpg?fit=700%2C464&amp;ssl=1\" class=\"alignnone size-medium wp-image-264520\" src=\"https:\/\/i0.wp.com\/itayachtscanada.com\/wp-content\/uploads\/2025\/06\/Capture-decran-le-2025-06-06-a-15.20.24.jpg?resize=300%2C199&#038;ssl=1\" alt=\"\" width=\"300\" height=\"199\" srcset=\"https:\/\/i0.wp.com\/itayachtscanada.com\/wp-content\/uploads\/2025\/06\/Capture-decran-le-2025-06-06-a-15.20.24.jpg?resize=300%2C199&amp;ssl=1 300w, https:\/\/i0.wp.com\/itayachtscanada.com\/wp-content\/uploads\/2025\/06\/Capture-decran-le-2025-06-06-a-15.20.24.jpg?resize=1024%2C679&amp;ssl=1 1024w, https:\/\/i0.wp.com\/itayachtscanada.com\/wp-content\/uploads\/2025\/06\/Capture-decran-le-2025-06-06-a-15.20.24.jpg?resize=768%2C509&amp;ssl=1 768w, https:\/\/i0.wp.com\/itayachtscanada.com\/wp-content\/uploads\/2025\/06\/Capture-decran-le-2025-06-06-a-15.20.24.jpg?resize=700%2C464&amp;ssl=1 700w, https:\/\/i0.wp.com\/itayachtscanada.com\/wp-content\/uploads\/2025\/06\/Capture-decran-le-2025-06-06-a-15.20.24.jpg?resize=900%2C600&amp;ssl=1 900w, https:\/\/i0.wp.com\/itayachtscanada.com\/wp-content\/uploads\/2025\/06\/Capture-decran-le-2025-06-06-a-15.20.24.jpg?resize=603%2C400&amp;ssl=1 603w, https:\/\/i0.wp.com\/itayachtscanada.com\/wp-content\/uploads\/2025\/06\/Capture-decran-le-2025-06-06-a-15.20.24.jpg?w=1436&amp;ssl=1 1436w\" sizes=\"auto, (max-width: 300px) 100vw, 300px\" \/> <img data-recalc-dims=\"1\" loading=\"lazy\" decoding=\"async\" data-attachment-id=\"264521\" data-permalink=\"https:\/\/itayachtscanada.com\/fr\/listing\/aquila-54-2023-1859000-usd-for-sale\/capture-decran-le-2025-06-06-a-15-20-19\/\" data-orig-file=\"https:\/\/i0.wp.com\/itayachtscanada.com\/wp-content\/uploads\/2025\/06\/Capture-decran-le-2025-06-06-a-15.20.19.jpg?fit=1436%2C952&amp;ssl=1\" data-orig-size=\"1436,952\" data-comments-opened=\"1\" data-image-meta=\"{&quot;aperture&quot;:&quot;0&quot;,&quot;credit&quot;:&quot;&quot;,&quot;camera&quot;:&quot;&quot;,&quot;caption&quot;:&quot;&quot;,&quot;created_timestamp&quot;:&quot;0&quot;,&quot;copyright&quot;:&quot;&quot;,&quot;focal_length&quot;:&quot;0&quot;,&quot;iso&quot;:&quot;0&quot;,&quot;shutter_speed&quot;:&quot;0&quot;,&quot;title&quot;:&quot;&quot;,&quot;orientation&quot;:&quot;0&quot;}\" data-image-title=\"Capture d\u2019e\u0301cran, le 2025-06-06 a\u0300 15.20.19\" data-image-description=\"\" data-image-caption=\"\" data-large-file=\"https:\/\/i0.wp.com\/itayachtscanada.com\/wp-content\/uploads\/2025\/06\/Capture-decran-le-2025-06-06-a-15.20.19.jpg?fit=700%2C464&amp;ssl=1\" class=\"alignnone size-medium wp-image-264521\" src=\"https:\/\/i0.wp.com\/itayachtscanada.com\/wp-content\/uploads\/2025\/06\/Capture-decran-le-2025-06-06-a-15.20.19.jpg?resize=300%2C199&#038;ssl=1\" alt=\"\" width=\"300\" height=\"199\" srcset=\"https:\/\/i0.wp.com\/itayachtscanada.com\/wp-content\/uploads\/2025\/06\/Capture-decran-le-2025-06-06-a-15.20.19.jpg?resize=300%2C199&amp;ssl=1 300w, https:\/\/i0.wp.com\/itayachtscanada.com\/wp-content\/uploads\/2025\/06\/Capture-decran-le-2025-06-06-a-15.20.19.jpg?resize=1024%2C679&amp;ssl=1 1024w, https:\/\/i0.wp.com\/itayachtscanada.com\/wp-content\/uploads\/2025\/06\/Capture-decran-le-2025-06-06-a-15.20.19.jpg?resize=768%2C509&amp;ssl=1 768w, https:\/\/i0.wp.com\/itayachtscanada.com\/wp-content\/uploads\/2025\/06\/Capture-decran-le-2025-06-06-a-15.20.19.jpg?resize=700%2C464&amp;ssl=1 700w, https:\/\/i0.wp.com\/itayachtscanada.com\/wp-content\/uploads\/2025\/06\/Capture-decran-le-2025-06-06-a-15.20.19.jpg?resize=900%2C600&amp;ssl=1 900w, https:\/\/i0.wp.com\/itayachtscanada.com\/wp-content\/uploads\/2025\/06\/Capture-decran-le-2025-06-06-a-15.20.19.jpg?resize=603%2C400&amp;ssl=1 603w, https:\/\/i0.wp.com\/itayachtscanada.com\/wp-content\/uploads\/2025\/06\/Capture-decran-le-2025-06-06-a-15.20.19.jpg?w=1436&amp;ssl=1 1436w\" sizes=\"auto, (max-width: 300px) 100vw, 300px\" \/> <img data-recalc-dims=\"1\" loading=\"lazy\" decoding=\"async\" data-attachment-id=\"264522\" data-permalink=\"https:\/\/itayachtscanada.com\/fr\/listing\/aquila-54-2023-1859000-usd-for-sale\/capture-decran-le-2025-06-06-a-15-20-15\/\" data-orig-file=\"https:\/\/i0.wp.com\/itayachtscanada.com\/wp-content\/uploads\/2025\/06\/Capture-decran-le-2025-06-06-a-15.20.15.jpg?fit=1436%2C952&amp;ssl=1\" data-orig-size=\"1436,952\" data-comments-opened=\"1\" data-image-meta=\"{&quot;aperture&quot;:&quot;0&quot;,&quot;credit&quot;:&quot;&quot;,&quot;camera&quot;:&quot;&quot;,&quot;caption&quot;:&quot;&quot;,&quot;created_timestamp&quot;:&quot;0&quot;,&quot;copyright&quot;:&quot;&quot;,&quot;focal_length&quot;:&quot;0&quot;,&quot;iso&quot;:&quot;0&quot;,&quot;shutter_speed&quot;:&quot;0&quot;,&quot;title&quot;:&quot;&quot;,&quot;orientation&quot;:&quot;0&quot;}\" data-image-title=\"Capture d\u2019e\u0301cran, le 2025-06-06 a\u0300 15.20.15\" data-image-description=\"\" data-image-caption=\"\" data-large-file=\"https:\/\/i0.wp.com\/itayachtscanada.com\/wp-content\/uploads\/2025\/06\/Capture-decran-le-2025-06-06-a-15.20.15.jpg?fit=700%2C464&amp;ssl=1\" class=\"alignnone size-medium wp-image-264522\" src=\"https:\/\/i0.wp.com\/itayachtscanada.com\/wp-content\/uploads\/2025\/06\/Capture-decran-le-2025-06-06-a-15.20.15.jpg?resize=300%2C199&#038;ssl=1\" alt=\"\" width=\"300\" height=\"199\" srcset=\"https:\/\/i0.wp.com\/itayachtscanada.com\/wp-content\/uploads\/2025\/06\/Capture-decran-le-2025-06-06-a-15.20.15.jpg?resize=300%2C199&amp;ssl=1 300w, https:\/\/i0.wp.com\/itayachtscanada.com\/wp-content\/uploads\/2025\/06\/Capture-decran-le-2025-06-06-a-15.20.15.jpg?resize=1024%2C679&amp;ssl=1 1024w, https:\/\/i0.wp.com\/itayachtscanada.com\/wp-content\/uploads\/2025\/06\/Capture-decran-le-2025-06-06-a-15.20.15.jpg?resize=768%2C509&amp;ssl=1 768w, https:\/\/i0.wp.com\/itayachtscanada.com\/wp-content\/uploads\/2025\/06\/Capture-decran-le-2025-06-06-a-15.20.15.jpg?resize=700%2C464&amp;ssl=1 700w, https:\/\/i0.wp.com\/itayachtscanada.com\/wp-content\/uploads\/2025\/06\/Capture-decran-le-2025-06-06-a-15.20.15.jpg?resize=900%2C600&amp;ssl=1 900w, https:\/\/i0.wp.com\/itayachtscanada.com\/wp-content\/uploads\/2025\/06\/Capture-decran-le-2025-06-06-a-15.20.15.jpg?resize=603%2C400&amp;ssl=1 603w, https:\/\/i0.wp.com\/itayachtscanada.com\/wp-content\/uploads\/2025\/06\/Capture-decran-le-2025-06-06-a-15.20.15.jpg?w=1436&amp;ssl=1 1436w\" sizes=\"auto, (max-width: 300px) 100vw, 300px\" \/> <img data-recalc-dims=\"1\" loading=\"lazy\" decoding=\"async\" data-attachment-id=\"264523\" data-permalink=\"https:\/\/itayachtscanada.com\/fr\/listing\/aquila-54-2023-1859000-usd-for-sale\/capture-decran-le-2025-06-06-a-15-20-12\/\" data-orig-file=\"https:\/\/i0.wp.com\/itayachtscanada.com\/wp-content\/uploads\/2025\/06\/Capture-decran-le-2025-06-06-a-15.20.12.jpg?fit=1436%2C952&amp;ssl=1\" data-orig-size=\"1436,952\" data-comments-opened=\"1\" data-image-meta=\"{&quot;aperture&quot;:&quot;0&quot;,&quot;credit&quot;:&quot;&quot;,&quot;camera&quot;:&quot;&quot;,&quot;caption&quot;:&quot;&quot;,&quot;created_timestamp&quot;:&quot;0&quot;,&quot;copyright&quot;:&quot;&quot;,&quot;focal_length&quot;:&quot;0&quot;,&quot;iso&quot;:&quot;0&quot;,&quot;shutter_speed&quot;:&quot;0&quot;,&quot;title&quot;:&quot;&quot;,&quot;orientation&quot;:&quot;0&quot;}\" data-image-title=\"Capture d\u2019e\u0301cran, le 2025-06-06 a\u0300 15.20.12\" data-image-description=\"\" data-image-caption=\"\" data-large-file=\"https:\/\/i0.wp.com\/itayachtscanada.com\/wp-content\/uploads\/2025\/06\/Capture-decran-le-2025-06-06-a-15.20.12.jpg?fit=700%2C464&amp;ssl=1\" class=\"alignnone size-medium wp-image-264523\" src=\"https:\/\/i0.wp.com\/itayachtscanada.com\/wp-content\/uploads\/2025\/06\/Capture-decran-le-2025-06-06-a-15.20.12.jpg?resize=300%2C199&#038;ssl=1\" alt=\"\" width=\"300\" height=\"199\" srcset=\"https:\/\/i0.wp.com\/itayachtscanada.com\/wp-content\/uploads\/2025\/06\/Capture-decran-le-2025-06-06-a-15.20.12.jpg?resize=300%2C199&amp;ssl=1 300w, https:\/\/i0.wp.com\/itayachtscanada.com\/wp-content\/uploads\/2025\/06\/Capture-decran-le-2025-06-06-a-15.20.12.jpg?resize=1024%2C679&amp;ssl=1 1024w, https:\/\/i0.wp.com\/itayachtscanada.com\/wp-content\/uploads\/2025\/06\/Capture-decran-le-2025-06-06-a-15.20.12.jpg?resize=768%2C509&amp;ssl=1 768w, https:\/\/i0.wp.com\/itayachtscanada.com\/wp-content\/uploads\/2025\/06\/Capture-decran-le-2025-06-06-a-15.20.12.jpg?resize=700%2C464&amp;ssl=1 700w, https:\/\/i0.wp.com\/itayachtscanada.com\/wp-content\/uploads\/2025\/06\/Capture-decran-le-2025-06-06-a-15.20.12.jpg?resize=900%2C600&amp;ssl=1 900w, https:\/\/i0.wp.com\/itayachtscanada.com\/wp-content\/uploads\/2025\/06\/Capture-decran-le-2025-06-06-a-15.20.12.jpg?resize=603%2C400&amp;ssl=1 603w, https:\/\/i0.wp.com\/itayachtscanada.com\/wp-content\/uploads\/2025\/06\/Capture-decran-le-2025-06-06-a-15.20.12.jpg?w=1436&amp;ssl=1 1436w\" sizes=\"auto, (max-width: 300px) 100vw, 300px\" \/> <img data-recalc-dims=\"1\" loading=\"lazy\" decoding=\"async\" data-attachment-id=\"264524\" data-permalink=\"https:\/\/itayachtscanada.com\/fr\/listing\/aquila-54-2023-1859000-usd-for-sale\/capture-decran-le-2025-06-06-a-15-20-07\/\" data-orig-file=\"https:\/\/i0.wp.com\/itayachtscanada.com\/wp-content\/uploads\/2025\/06\/Capture-decran-le-2025-06-06-a-15.20.07.jpg?fit=1436%2C952&amp;ssl=1\" data-orig-size=\"1436,952\" data-comments-opened=\"1\" data-image-meta=\"{&quot;aperture&quot;:&quot;0&quot;,&quot;credit&quot;:&quot;&quot;,&quot;camera&quot;:&quot;&quot;,&quot;caption&quot;:&quot;&quot;,&quot;created_timestamp&quot;:&quot;0&quot;,&quot;copyright&quot;:&quot;&quot;,&quot;focal_length&quot;:&quot;0&quot;,&quot;iso&quot;:&quot;0&quot;,&quot;shutter_speed&quot;:&quot;0&quot;,&quot;title&quot;:&quot;&quot;,&quot;orientation&quot;:&quot;0&quot;}\" data-image-title=\"Capture d\u2019e\u0301cran, le 2025-06-06 a\u0300 15.20.07\" data-image-description=\"\" data-image-caption=\"\" data-large-file=\"https:\/\/i0.wp.com\/itayachtscanada.com\/wp-content\/uploads\/2025\/06\/Capture-decran-le-2025-06-06-a-15.20.07.jpg?fit=700%2C464&amp;ssl=1\" class=\"alignnone size-medium wp-image-264524\" src=\"https:\/\/i0.wp.com\/itayachtscanada.com\/wp-content\/uploads\/2025\/06\/Capture-decran-le-2025-06-06-a-15.20.07.jpg?resize=300%2C199&#038;ssl=1\" alt=\"\" width=\"300\" height=\"199\" srcset=\"https:\/\/i0.wp.com\/itayachtscanada.com\/wp-content\/uploads\/2025\/06\/Capture-decran-le-2025-06-06-a-15.20.07.jpg?resize=300%2C199&amp;ssl=1 300w, https:\/\/i0.wp.com\/itayachtscanada.com\/wp-content\/uploads\/2025\/06\/Capture-decran-le-2025-06-06-a-15.20.07.jpg?resize=1024%2C679&amp;ssl=1 1024w, https:\/\/i0.wp.com\/itayachtscanada.com\/wp-content\/uploads\/2025\/06\/Capture-decran-le-2025-06-06-a-15.20.07.jpg?resize=768%2C509&amp;ssl=1 768w, https:\/\/i0.wp.com\/itayachtscanada.com\/wp-content\/uploads\/2025\/06\/Capture-decran-le-2025-06-06-a-15.20.07.jpg?resize=700%2C464&amp;ssl=1 700w, https:\/\/i0.wp.com\/itayachtscanada.com\/wp-content\/uploads\/2025\/06\/Capture-decran-le-2025-06-06-a-15.20.07.jpg?resize=900%2C600&amp;ssl=1 900w, https:\/\/i0.wp.com\/itayachtscanada.com\/wp-content\/uploads\/2025\/06\/Capture-decran-le-2025-06-06-a-15.20.07.jpg?resize=603%2C400&amp;ssl=1 603w, https:\/\/i0.wp.com\/itayachtscanada.com\/wp-content\/uploads\/2025\/06\/Capture-decran-le-2025-06-06-a-15.20.07.jpg?w=1436&amp;ssl=1 1436w\" sizes=\"auto, (max-width: 300px) 100vw, 300px\" \/> <img data-recalc-dims=\"1\" loading=\"lazy\" decoding=\"async\" data-attachment-id=\"264525\" data-permalink=\"https:\/\/itayachtscanada.com\/fr\/listing\/aquila-54-2023-1859000-usd-for-sale\/capture-decran-le-2025-06-06-a-15-20-04\/\" data-orig-file=\"https:\/\/i0.wp.com\/itayachtscanada.com\/wp-content\/uploads\/2025\/06\/Capture-decran-le-2025-06-06-a-15.20.04.jpg?fit=1436%2C952&amp;ssl=1\" data-orig-size=\"1436,952\" data-comments-opened=\"1\" data-image-meta=\"{&quot;aperture&quot;:&quot;0&quot;,&quot;credit&quot;:&quot;&quot;,&quot;camera&quot;:&quot;&quot;,&quot;caption&quot;:&quot;&quot;,&quot;created_timestamp&quot;:&quot;0&quot;,&quot;copyright&quot;:&quot;&quot;,&quot;focal_length&quot;:&quot;0&quot;,&quot;iso&quot;:&quot;0&quot;,&quot;shutter_speed&quot;:&quot;0&quot;,&quot;title&quot;:&quot;&quot;,&quot;orientation&quot;:&quot;0&quot;}\" data-image-title=\"Capture d\u2019e\u0301cran, le 2025-06-06 a\u0300 15.20.04\" data-image-description=\"\" data-image-caption=\"\" data-large-file=\"https:\/\/i0.wp.com\/itayachtscanada.com\/wp-content\/uploads\/2025\/06\/Capture-decran-le-2025-06-06-a-15.20.04.jpg?fit=700%2C464&amp;ssl=1\" class=\"alignnone size-medium wp-image-264525\" src=\"https:\/\/i0.wp.com\/itayachtscanada.com\/wp-content\/uploads\/2025\/06\/Capture-decran-le-2025-06-06-a-15.20.04.jpg?resize=300%2C199&#038;ssl=1\" alt=\"\" width=\"300\" height=\"199\" srcset=\"https:\/\/i0.wp.com\/itayachtscanada.com\/wp-content\/uploads\/2025\/06\/Capture-decran-le-2025-06-06-a-15.20.04.jpg?resize=300%2C199&amp;ssl=1 300w, https:\/\/i0.wp.com\/itayachtscanada.com\/wp-content\/uploads\/2025\/06\/Capture-decran-le-2025-06-06-a-15.20.04.jpg?resize=1024%2C679&amp;ssl=1 1024w, https:\/\/i0.wp.com\/itayachtscanada.com\/wp-content\/uploads\/2025\/06\/Capture-decran-le-2025-06-06-a-15.20.04.jpg?resize=768%2C509&amp;ssl=1 768w, https:\/\/i0.wp.com\/itayachtscanada.com\/wp-content\/uploads\/2025\/06\/Capture-decran-le-2025-06-06-a-15.20.04.jpg?resize=700%2C464&amp;ssl=1 700w, https:\/\/i0.wp.com\/itayachtscanada.com\/wp-content\/uploads\/2025\/06\/Capture-decran-le-2025-06-06-a-15.20.04.jpg?resize=900%2C600&amp;ssl=1 900w, https:\/\/i0.wp.com\/itayachtscanada.com\/wp-content\/uploads\/2025\/06\/Capture-decran-le-2025-06-06-a-15.20.04.jpg?resize=603%2C400&amp;ssl=1 603w, https:\/\/i0.wp.com\/itayachtscanada.com\/wp-content\/uploads\/2025\/06\/Capture-decran-le-2025-06-06-a-15.20.04.jpg?w=1436&amp;ssl=1 1436w\" sizes=\"auto, (max-width: 300px) 100vw, 300px\" \/> <img data-recalc-dims=\"1\" loading=\"lazy\" decoding=\"async\" data-attachment-id=\"264526\" data-permalink=\"https:\/\/itayachtscanada.com\/fr\/listing\/aquila-54-2023-1859000-usd-for-sale\/capture-decran-le-2025-06-06-a-15-20-00\/\" data-orig-file=\"https:\/\/i0.wp.com\/itayachtscanada.com\/wp-content\/uploads\/2025\/06\/Capture-decran-le-2025-06-06-a-15.20.00.jpg?fit=1436%2C952&amp;ssl=1\" data-orig-size=\"1436,952\" data-comments-opened=\"1\" data-image-meta=\"{&quot;aperture&quot;:&quot;0&quot;,&quot;credit&quot;:&quot;&quot;,&quot;camera&quot;:&quot;&quot;,&quot;caption&quot;:&quot;&quot;,&quot;created_timestamp&quot;:&quot;0&quot;,&quot;copyright&quot;:&quot;&quot;,&quot;focal_length&quot;:&quot;0&quot;,&quot;iso&quot;:&quot;0&quot;,&quot;shutter_speed&quot;:&quot;0&quot;,&quot;title&quot;:&quot;&quot;,&quot;orientation&quot;:&quot;0&quot;}\" data-image-title=\"Capture d\u2019e\u0301cran, le 2025-06-06 a\u0300 15.20.00\" data-image-description=\"\" data-image-caption=\"\" data-large-file=\"https:\/\/i0.wp.com\/itayachtscanada.com\/wp-content\/uploads\/2025\/06\/Capture-decran-le-2025-06-06-a-15.20.00.jpg?fit=700%2C464&amp;ssl=1\" class=\"alignnone size-medium wp-image-264526\" src=\"https:\/\/i0.wp.com\/itayachtscanada.com\/wp-content\/uploads\/2025\/06\/Capture-decran-le-2025-06-06-a-15.20.00.jpg?resize=300%2C199&#038;ssl=1\" alt=\"\" width=\"300\" height=\"199\" srcset=\"https:\/\/i0.wp.com\/itayachtscanada.com\/wp-content\/uploads\/2025\/06\/Capture-decran-le-2025-06-06-a-15.20.00.jpg?resize=300%2C199&amp;ssl=1 300w, https:\/\/i0.wp.com\/itayachtscanada.com\/wp-content\/uploads\/2025\/06\/Capture-decran-le-2025-06-06-a-15.20.00.jpg?resize=1024%2C679&amp;ssl=1 1024w, https:\/\/i0.wp.com\/itayachtscanada.com\/wp-content\/uploads\/2025\/06\/Capture-decran-le-2025-06-06-a-15.20.00.jpg?resize=768%2C509&amp;ssl=1 768w, https:\/\/i0.wp.com\/itayachtscanada.com\/wp-content\/uploads\/2025\/06\/Capture-decran-le-2025-06-06-a-15.20.00.jpg?resize=700%2C464&amp;ssl=1 700w, https:\/\/i0.wp.com\/itayachtscanada.com\/wp-content\/uploads\/2025\/06\/Capture-decran-le-2025-06-06-a-15.20.00.jpg?resize=900%2C600&amp;ssl=1 900w, https:\/\/i0.wp.com\/itayachtscanada.com\/wp-content\/uploads\/2025\/06\/Capture-decran-le-2025-06-06-a-15.20.00.jpg?resize=603%2C400&amp;ssl=1 603w, https:\/\/i0.wp.com\/itayachtscanada.com\/wp-content\/uploads\/2025\/06\/Capture-decran-le-2025-06-06-a-15.20.00.jpg?w=1436&amp;ssl=1 1436w\" sizes=\"auto, (max-width: 300px) 100vw, 300px\" \/> <img data-recalc-dims=\"1\" loading=\"lazy\" decoding=\"async\" data-attachment-id=\"264527\" data-permalink=\"https:\/\/itayachtscanada.com\/fr\/listing\/aquila-54-2023-1859000-usd-for-sale\/capture-decran-le-2025-06-06-a-15-19-57\/\" data-orig-file=\"https:\/\/i0.wp.com\/itayachtscanada.com\/wp-content\/uploads\/2025\/06\/Capture-decran-le-2025-06-06-a-15.19.57.jpg?fit=1436%2C952&amp;ssl=1\" data-orig-size=\"1436,952\" data-comments-opened=\"1\" data-image-meta=\"{&quot;aperture&quot;:&quot;0&quot;,&quot;credit&quot;:&quot;&quot;,&quot;camera&quot;:&quot;&quot;,&quot;caption&quot;:&quot;&quot;,&quot;created_timestamp&quot;:&quot;0&quot;,&quot;copyright&quot;:&quot;&quot;,&quot;focal_length&quot;:&quot;0&quot;,&quot;iso&quot;:&quot;0&quot;,&quot;shutter_speed&quot;:&quot;0&quot;,&quot;title&quot;:&quot;&quot;,&quot;orientation&quot;:&quot;0&quot;}\" data-image-title=\"Capture d\u2019e\u0301cran, le 2025-06-06 a\u0300 15.19.57\" data-image-description=\"\" data-image-caption=\"\" data-large-file=\"https:\/\/i0.wp.com\/itayachtscanada.com\/wp-content\/uploads\/2025\/06\/Capture-decran-le-2025-06-06-a-15.19.57.jpg?fit=700%2C464&amp;ssl=1\" class=\"alignnone size-medium wp-image-264527\" src=\"https:\/\/i0.wp.com\/itayachtscanada.com\/wp-content\/uploads\/2025\/06\/Capture-decran-le-2025-06-06-a-15.19.57.jpg?resize=300%2C199&#038;ssl=1\" alt=\"\" width=\"300\" height=\"199\" srcset=\"https:\/\/i0.wp.com\/itayachtscanada.com\/wp-content\/uploads\/2025\/06\/Capture-decran-le-2025-06-06-a-15.19.57.jpg?resize=300%2C199&amp;ssl=1 300w, https:\/\/i0.wp.com\/itayachtscanada.com\/wp-content\/uploads\/2025\/06\/Capture-decran-le-2025-06-06-a-15.19.57.jpg?resize=1024%2C679&amp;ssl=1 1024w, https:\/\/i0.wp.com\/itayachtscanada.com\/wp-content\/uploads\/2025\/06\/Capture-decran-le-2025-06-06-a-15.19.57.jpg?resize=768%2C509&amp;ssl=1 768w, https:\/\/i0.wp.com\/itayachtscanada.com\/wp-content\/uploads\/2025\/06\/Capture-decran-le-2025-06-06-a-15.19.57.jpg?resize=700%2C464&amp;ssl=1 700w, https:\/\/i0.wp.com\/itayachtscanada.com\/wp-content\/uploads\/2025\/06\/Capture-decran-le-2025-06-06-a-15.19.57.jpg?resize=900%2C600&amp;ssl=1 900w, https:\/\/i0.wp.com\/itayachtscanada.com\/wp-content\/uploads\/2025\/06\/Capture-decran-le-2025-06-06-a-15.19.57.jpg?resize=603%2C400&amp;ssl=1 603w, https:\/\/i0.wp.com\/itayachtscanada.com\/wp-content\/uploads\/2025\/06\/Capture-decran-le-2025-06-06-a-15.19.57.jpg?w=1436&amp;ssl=1 1436w\" sizes=\"auto, (max-width: 300px) 100vw, 300px\" \/> <img data-recalc-dims=\"1\" loading=\"lazy\" decoding=\"async\" data-attachment-id=\"264528\" data-permalink=\"https:\/\/itayachtscanada.com\/fr\/listing\/aquila-54-2023-1859000-usd-for-sale\/capture-decran-le-2025-06-06-a-15-19-53\/\" data-orig-file=\"https:\/\/i0.wp.com\/itayachtscanada.com\/wp-content\/uploads\/2025\/06\/Capture-decran-le-2025-06-06-a-15.19.53.jpg?fit=1436%2C952&amp;ssl=1\" data-orig-size=\"1436,952\" data-comments-opened=\"1\" data-image-meta=\"{&quot;aperture&quot;:&quot;0&quot;,&quot;credit&quot;:&quot;&quot;,&quot;camera&quot;:&quot;&quot;,&quot;caption&quot;:&quot;&quot;,&quot;created_timestamp&quot;:&quot;0&quot;,&quot;copyright&quot;:&quot;&quot;,&quot;focal_length&quot;:&quot;0&quot;,&quot;iso&quot;:&quot;0&quot;,&quot;shutter_speed&quot;:&quot;0&quot;,&quot;title&quot;:&quot;&quot;,&quot;orientation&quot;:&quot;0&quot;}\" data-image-title=\"Capture d\u2019e\u0301cran, le 2025-06-06 a\u0300 15.19.53\" data-image-description=\"\" data-image-caption=\"\" data-large-file=\"https:\/\/i0.wp.com\/itayachtscanada.com\/wp-content\/uploads\/2025\/06\/Capture-decran-le-2025-06-06-a-15.19.53.jpg?fit=700%2C464&amp;ssl=1\" class=\"alignnone size-medium wp-image-264528\" src=\"https:\/\/i0.wp.com\/itayachtscanada.com\/wp-content\/uploads\/2025\/06\/Capture-decran-le-2025-06-06-a-15.19.53.jpg?resize=300%2C199&#038;ssl=1\" alt=\"\" width=\"300\" height=\"199\" srcset=\"https:\/\/i0.wp.com\/itayachtscanada.com\/wp-content\/uploads\/2025\/06\/Capture-decran-le-2025-06-06-a-15.19.53.jpg?resize=300%2C199&amp;ssl=1 300w, https:\/\/i0.wp.com\/itayachtscanada.com\/wp-content\/uploads\/2025\/06\/Capture-decran-le-2025-06-06-a-15.19.53.jpg?resize=1024%2C679&amp;ssl=1 1024w, https:\/\/i0.wp.com\/itayachtscanada.com\/wp-content\/uploads\/2025\/06\/Capture-decran-le-2025-06-06-a-15.19.53.jpg?resize=768%2C509&amp;ssl=1 768w, https:\/\/i0.wp.com\/itayachtscanada.com\/wp-content\/uploads\/2025\/06\/Capture-decran-le-2025-06-06-a-15.19.53.jpg?resize=700%2C464&amp;ssl=1 700w, https:\/\/i0.wp.com\/itayachtscanada.com\/wp-content\/uploads\/2025\/06\/Capture-decran-le-2025-06-06-a-15.19.53.jpg?resize=900%2C600&amp;ssl=1 900w, https:\/\/i0.wp.com\/itayachtscanada.com\/wp-content\/uploads\/2025\/06\/Capture-decran-le-2025-06-06-a-15.19.53.jpg?resize=603%2C400&amp;ssl=1 603w, https:\/\/i0.wp.com\/itayachtscanada.com\/wp-content\/uploads\/2025\/06\/Capture-decran-le-2025-06-06-a-15.19.53.jpg?w=1436&amp;ssl=1 1436w\" sizes=\"auto, (max-width: 300px) 100vw, 300px\" \/> <img data-recalc-dims=\"1\" loading=\"lazy\" decoding=\"async\" data-attachment-id=\"264529\" data-permalink=\"https:\/\/itayachtscanada.com\/fr\/listing\/aquila-54-2023-1859000-usd-for-sale\/capture-decran-le-2025-06-06-a-15-19-49\/\" data-orig-file=\"https:\/\/i0.wp.com\/itayachtscanada.com\/wp-content\/uploads\/2025\/06\/Capture-decran-le-2025-06-06-a-15.19.49.jpg?fit=1436%2C952&amp;ssl=1\" data-orig-size=\"1436,952\" data-comments-opened=\"1\" data-image-meta=\"{&quot;aperture&quot;:&quot;0&quot;,&quot;credit&quot;:&quot;&quot;,&quot;camera&quot;:&quot;&quot;,&quot;caption&quot;:&quot;&quot;,&quot;created_timestamp&quot;:&quot;0&quot;,&quot;copyright&quot;:&quot;&quot;,&quot;focal_length&quot;:&quot;0&quot;,&quot;iso&quot;:&quot;0&quot;,&quot;shutter_speed&quot;:&quot;0&quot;,&quot;title&quot;:&quot;&quot;,&quot;orientation&quot;:&quot;0&quot;}\" data-image-title=\"Capture d\u2019e\u0301cran, le 2025-06-06 a\u0300 15.19.49\" data-image-description=\"\" data-image-caption=\"\" data-large-file=\"https:\/\/i0.wp.com\/itayachtscanada.com\/wp-content\/uploads\/2025\/06\/Capture-decran-le-2025-06-06-a-15.19.49.jpg?fit=700%2C464&amp;ssl=1\" class=\"alignnone size-medium wp-image-264529\" src=\"https:\/\/i0.wp.com\/itayachtscanada.com\/wp-content\/uploads\/2025\/06\/Capture-decran-le-2025-06-06-a-15.19.49.jpg?resize=300%2C199&#038;ssl=1\" alt=\"\" width=\"300\" height=\"199\" srcset=\"https:\/\/i0.wp.com\/itayachtscanada.com\/wp-content\/uploads\/2025\/06\/Capture-decran-le-2025-06-06-a-15.19.49.jpg?resize=300%2C199&amp;ssl=1 300w, https:\/\/i0.wp.com\/itayachtscanada.com\/wp-content\/uploads\/2025\/06\/Capture-decran-le-2025-06-06-a-15.19.49.jpg?resize=1024%2C679&amp;ssl=1 1024w, https:\/\/i0.wp.com\/itayachtscanada.com\/wp-content\/uploads\/2025\/06\/Capture-decran-le-2025-06-06-a-15.19.49.jpg?resize=768%2C509&amp;ssl=1 768w, https:\/\/i0.wp.com\/itayachtscanada.com\/wp-content\/uploads\/2025\/06\/Capture-decran-le-2025-06-06-a-15.19.49.jpg?resize=700%2C464&amp;ssl=1 700w, https:\/\/i0.wp.com\/itayachtscanada.com\/wp-content\/uploads\/2025\/06\/Capture-decran-le-2025-06-06-a-15.19.49.jpg?resize=900%2C600&amp;ssl=1 900w, https:\/\/i0.wp.com\/itayachtscanada.com\/wp-content\/uploads\/2025\/06\/Capture-decran-le-2025-06-06-a-15.19.49.jpg?resize=603%2C400&amp;ssl=1 603w, https:\/\/i0.wp.com\/itayachtscanada.com\/wp-content\/uploads\/2025\/06\/Capture-decran-le-2025-06-06-a-15.19.49.jpg?w=1436&amp;ssl=1 1436w\" sizes=\"auto, (max-width: 300px) 100vw, 300px\" \/> <img data-recalc-dims=\"1\" loading=\"lazy\" decoding=\"async\" data-attachment-id=\"264530\" data-permalink=\"https:\/\/itayachtscanada.com\/fr\/listing\/aquila-54-2023-1859000-usd-for-sale\/capture-decran-le-2025-06-06-a-15-19-45\/\" data-orig-file=\"https:\/\/i0.wp.com\/itayachtscanada.com\/wp-content\/uploads\/2025\/06\/Capture-decran-le-2025-06-06-a-15.19.45.jpg?fit=1436%2C952&amp;ssl=1\" data-orig-size=\"1436,952\" data-comments-opened=\"1\" data-image-meta=\"{&quot;aperture&quot;:&quot;0&quot;,&quot;credit&quot;:&quot;&quot;,&quot;camera&quot;:&quot;&quot;,&quot;caption&quot;:&quot;&quot;,&quot;created_timestamp&quot;:&quot;0&quot;,&quot;copyright&quot;:&quot;&quot;,&quot;focal_length&quot;:&quot;0&quot;,&quot;iso&quot;:&quot;0&quot;,&quot;shutter_speed&quot;:&quot;0&quot;,&quot;title&quot;:&quot;&quot;,&quot;orientation&quot;:&quot;0&quot;}\" data-image-title=\"Capture d\u2019e\u0301cran, le 2025-06-06 a\u0300 15.19.45\" data-image-description=\"\" data-image-caption=\"\" data-large-file=\"https:\/\/i0.wp.com\/itayachtscanada.com\/wp-content\/uploads\/2025\/06\/Capture-decran-le-2025-06-06-a-15.19.45.jpg?fit=700%2C464&amp;ssl=1\" class=\"alignnone size-medium wp-image-264530\" src=\"https:\/\/i0.wp.com\/itayachtscanada.com\/wp-content\/uploads\/2025\/06\/Capture-decran-le-2025-06-06-a-15.19.45.jpg?resize=300%2C199&#038;ssl=1\" alt=\"\" width=\"300\" height=\"199\" srcset=\"https:\/\/i0.wp.com\/itayachtscanada.com\/wp-content\/uploads\/2025\/06\/Capture-decran-le-2025-06-06-a-15.19.45.jpg?resize=300%2C199&amp;ssl=1 300w, https:\/\/i0.wp.com\/itayachtscanada.com\/wp-content\/uploads\/2025\/06\/Capture-decran-le-2025-06-06-a-15.19.45.jpg?resize=1024%2C679&amp;ssl=1 1024w, https:\/\/i0.wp.com\/itayachtscanada.com\/wp-content\/uploads\/2025\/06\/Capture-decran-le-2025-06-06-a-15.19.45.jpg?resize=768%2C509&amp;ssl=1 768w, https:\/\/i0.wp.com\/itayachtscanada.com\/wp-content\/uploads\/2025\/06\/Capture-decran-le-2025-06-06-a-15.19.45.jpg?resize=700%2C464&amp;ssl=1 700w, https:\/\/i0.wp.com\/itayachtscanada.com\/wp-content\/uploads\/2025\/06\/Capture-decran-le-2025-06-06-a-15.19.45.jpg?resize=900%2C600&amp;ssl=1 900w, https:\/\/i0.wp.com\/itayachtscanada.com\/wp-content\/uploads\/2025\/06\/Capture-decran-le-2025-06-06-a-15.19.45.jpg?resize=603%2C400&amp;ssl=1 603w, https:\/\/i0.wp.com\/itayachtscanada.com\/wp-content\/uploads\/2025\/06\/Capture-decran-le-2025-06-06-a-15.19.45.jpg?w=1436&amp;ssl=1 1436w\" sizes=\"auto, (max-width: 300px) 100vw, 300px\" \/> <img data-recalc-dims=\"1\" loading=\"lazy\" decoding=\"async\" data-attachment-id=\"264531\" data-permalink=\"https:\/\/itayachtscanada.com\/fr\/listing\/aquila-54-2023-1859000-usd-for-sale\/capture-decran-le-2025-06-06-a-15-19-41\/\" data-orig-file=\"https:\/\/i0.wp.com\/itayachtscanada.com\/wp-content\/uploads\/2025\/06\/Capture-decran-le-2025-06-06-a-15.19.41.jpg?fit=1436%2C952&amp;ssl=1\" data-orig-size=\"1436,952\" data-comments-opened=\"1\" data-image-meta=\"{&quot;aperture&quot;:&quot;0&quot;,&quot;credit&quot;:&quot;&quot;,&quot;camera&quot;:&quot;&quot;,&quot;caption&quot;:&quot;&quot;,&quot;created_timestamp&quot;:&quot;0&quot;,&quot;copyright&quot;:&quot;&quot;,&quot;focal_length&quot;:&quot;0&quot;,&quot;iso&quot;:&quot;0&quot;,&quot;shutter_speed&quot;:&quot;0&quot;,&quot;title&quot;:&quot;&quot;,&quot;orientation&quot;:&quot;0&quot;}\" data-image-title=\"Capture d\u2019e\u0301cran, le 2025-06-06 a\u0300 15.19.41\" data-image-description=\"\" data-image-caption=\"\" data-large-file=\"https:\/\/i0.wp.com\/itayachtscanada.com\/wp-content\/uploads\/2025\/06\/Capture-decran-le-2025-06-06-a-15.19.41.jpg?fit=700%2C464&amp;ssl=1\" class=\"alignnone size-medium wp-image-264531\" src=\"https:\/\/i0.wp.com\/itayachtscanada.com\/wp-content\/uploads\/2025\/06\/Capture-decran-le-2025-06-06-a-15.19.41.jpg?resize=300%2C199&#038;ssl=1\" alt=\"\" width=\"300\" height=\"199\" srcset=\"https:\/\/i0.wp.com\/itayachtscanada.com\/wp-content\/uploads\/2025\/06\/Capture-decran-le-2025-06-06-a-15.19.41.jpg?resize=300%2C199&amp;ssl=1 300w, https:\/\/i0.wp.com\/itayachtscanada.com\/wp-content\/uploads\/2025\/06\/Capture-decran-le-2025-06-06-a-15.19.41.jpg?resize=1024%2C679&amp;ssl=1 1024w, https:\/\/i0.wp.com\/itayachtscanada.com\/wp-content\/uploads\/2025\/06\/Capture-decran-le-2025-06-06-a-15.19.41.jpg?resize=768%2C509&amp;ssl=1 768w, https:\/\/i0.wp.com\/itayachtscanada.com\/wp-content\/uploads\/2025\/06\/Capture-decran-le-2025-06-06-a-15.19.41.jpg?resize=700%2C464&amp;ssl=1 700w, https:\/\/i0.wp.com\/itayachtscanada.com\/wp-content\/uploads\/2025\/06\/Capture-decran-le-2025-06-06-a-15.19.41.jpg?resize=900%2C600&amp;ssl=1 900w, https:\/\/i0.wp.com\/itayachtscanada.com\/wp-content\/uploads\/2025\/06\/Capture-decran-le-2025-06-06-a-15.19.41.jpg?resize=603%2C400&amp;ssl=1 603w, https:\/\/i0.wp.com\/itayachtscanada.com\/wp-content\/uploads\/2025\/06\/Capture-decran-le-2025-06-06-a-15.19.41.jpg?w=1436&amp;ssl=1 1436w\" sizes=\"auto, (max-width: 300px) 100vw, 300px\" \/> <img data-recalc-dims=\"1\" loading=\"lazy\" decoding=\"async\" data-attachment-id=\"264532\" data-permalink=\"https:\/\/itayachtscanada.com\/fr\/listing\/aquila-54-2023-1859000-usd-for-sale\/capture-decran-le-2025-06-06-a-15-19-37\/\" data-orig-file=\"https:\/\/i0.wp.com\/itayachtscanada.com\/wp-content\/uploads\/2025\/06\/Capture-decran-le-2025-06-06-a-15.19.37.jpg?fit=1436%2C952&amp;ssl=1\" data-orig-size=\"1436,952\" data-comments-opened=\"1\" data-image-meta=\"{&quot;aperture&quot;:&quot;0&quot;,&quot;credit&quot;:&quot;&quot;,&quot;camera&quot;:&quot;&quot;,&quot;caption&quot;:&quot;&quot;,&quot;created_timestamp&quot;:&quot;0&quot;,&quot;copyright&quot;:&quot;&quot;,&quot;focal_length&quot;:&quot;0&quot;,&quot;iso&quot;:&quot;0&quot;,&quot;shutter_speed&quot;:&quot;0&quot;,&quot;title&quot;:&quot;&quot;,&quot;orientation&quot;:&quot;0&quot;}\" data-image-title=\"Capture d\u2019e\u0301cran, le 2025-06-06 a\u0300 15.19.37\" data-image-description=\"\" data-image-caption=\"\" data-large-file=\"https:\/\/i0.wp.com\/itayachtscanada.com\/wp-content\/uploads\/2025\/06\/Capture-decran-le-2025-06-06-a-15.19.37.jpg?fit=700%2C464&amp;ssl=1\" class=\"alignnone size-medium wp-image-264532\" src=\"https:\/\/i0.wp.com\/itayachtscanada.com\/wp-content\/uploads\/2025\/06\/Capture-decran-le-2025-06-06-a-15.19.37.jpg?resize=300%2C199&#038;ssl=1\" alt=\"\" width=\"300\" height=\"199\" srcset=\"https:\/\/i0.wp.com\/itayachtscanada.com\/wp-content\/uploads\/2025\/06\/Capture-decran-le-2025-06-06-a-15.19.37.jpg?resize=300%2C199&amp;ssl=1 300w, https:\/\/i0.wp.com\/itayachtscanada.com\/wp-content\/uploads\/2025\/06\/Capture-decran-le-2025-06-06-a-15.19.37.jpg?resize=1024%2C679&amp;ssl=1 1024w, https:\/\/i0.wp.com\/itayachtscanada.com\/wp-content\/uploads\/2025\/06\/Capture-decran-le-2025-06-06-a-15.19.37.jpg?resize=768%2C509&amp;ssl=1 768w, https:\/\/i0.wp.com\/itayachtscanada.com\/wp-content\/uploads\/2025\/06\/Capture-decran-le-2025-06-06-a-15.19.37.jpg?resize=700%2C464&amp;ssl=1 700w, https:\/\/i0.wp.com\/itayachtscanada.com\/wp-content\/uploads\/2025\/06\/Capture-decran-le-2025-06-06-a-15.19.37.jpg?resize=900%2C600&amp;ssl=1 900w, https:\/\/i0.wp.com\/itayachtscanada.com\/wp-content\/uploads\/2025\/06\/Capture-decran-le-2025-06-06-a-15.19.37.jpg?resize=603%2C400&amp;ssl=1 603w, https:\/\/i0.wp.com\/itayachtscanada.com\/wp-content\/uploads\/2025\/06\/Capture-decran-le-2025-06-06-a-15.19.37.jpg?w=1436&amp;ssl=1 1436w\" sizes=\"auto, (max-width: 300px) 100vw, 300px\" \/> <img data-recalc-dims=\"1\" loading=\"lazy\" decoding=\"async\" data-attachment-id=\"264533\" data-permalink=\"https:\/\/itayachtscanada.com\/fr\/listing\/aquila-54-2023-1859000-usd-for-sale\/capture-decran-le-2025-06-06-a-15-19-33\/\" data-orig-file=\"https:\/\/i0.wp.com\/itayachtscanada.com\/wp-content\/uploads\/2025\/06\/Capture-decran-le-2025-06-06-a-15.19.33.jpg?fit=1436%2C952&amp;ssl=1\" data-orig-size=\"1436,952\" data-comments-opened=\"1\" data-image-meta=\"{&quot;aperture&quot;:&quot;0&quot;,&quot;credit&quot;:&quot;&quot;,&quot;camera&quot;:&quot;&quot;,&quot;caption&quot;:&quot;&quot;,&quot;created_timestamp&quot;:&quot;0&quot;,&quot;copyright&quot;:&quot;&quot;,&quot;focal_length&quot;:&quot;0&quot;,&quot;iso&quot;:&quot;0&quot;,&quot;shutter_speed&quot;:&quot;0&quot;,&quot;title&quot;:&quot;&quot;,&quot;orientation&quot;:&quot;0&quot;}\" data-image-title=\"Capture d\u2019e\u0301cran, le 2025-06-06 a\u0300 15.19.33\" data-image-description=\"\" data-image-caption=\"\" data-large-file=\"https:\/\/i0.wp.com\/itayachtscanada.com\/wp-content\/uploads\/2025\/06\/Capture-decran-le-2025-06-06-a-15.19.33.jpg?fit=700%2C464&amp;ssl=1\" class=\"alignnone size-medium wp-image-264533\" src=\"https:\/\/i0.wp.com\/itayachtscanada.com\/wp-content\/uploads\/2025\/06\/Capture-decran-le-2025-06-06-a-15.19.33.jpg?resize=300%2C199&#038;ssl=1\" alt=\"\" width=\"300\" height=\"199\" srcset=\"https:\/\/i0.wp.com\/itayachtscanada.com\/wp-content\/uploads\/2025\/06\/Capture-decran-le-2025-06-06-a-15.19.33.jpg?resize=300%2C199&amp;ssl=1 300w, https:\/\/i0.wp.com\/itayachtscanada.com\/wp-content\/uploads\/2025\/06\/Capture-decran-le-2025-06-06-a-15.19.33.jpg?resize=1024%2C679&amp;ssl=1 1024w, https:\/\/i0.wp.com\/itayachtscanada.com\/wp-content\/uploads\/2025\/06\/Capture-decran-le-2025-06-06-a-15.19.33.jpg?resize=768%2C509&amp;ssl=1 768w, https:\/\/i0.wp.com\/itayachtscanada.com\/wp-content\/uploads\/2025\/06\/Capture-decran-le-2025-06-06-a-15.19.33.jpg?resize=700%2C464&amp;ssl=1 700w, https:\/\/i0.wp.com\/itayachtscanada.com\/wp-content\/uploads\/2025\/06\/Capture-decran-le-2025-06-06-a-15.19.33.jpg?resize=900%2C600&amp;ssl=1 900w, https:\/\/i0.wp.com\/itayachtscanada.com\/wp-content\/uploads\/2025\/06\/Capture-decran-le-2025-06-06-a-15.19.33.jpg?resize=603%2C400&amp;ssl=1 603w, https:\/\/i0.wp.com\/itayachtscanada.com\/wp-content\/uploads\/2025\/06\/Capture-decran-le-2025-06-06-a-15.19.33.jpg?w=1436&amp;ssl=1 1436w\" sizes=\"auto, (max-width: 300px) 100vw, 300px\" \/> <img data-recalc-dims=\"1\" loading=\"lazy\" decoding=\"async\" data-attachment-id=\"264534\" data-permalink=\"https:\/\/itayachtscanada.com\/fr\/listing\/aquila-54-2023-1859000-usd-for-sale\/capture-decran-le-2025-06-06-a-15-19-29\/\" data-orig-file=\"https:\/\/i0.wp.com\/itayachtscanada.com\/wp-content\/uploads\/2025\/06\/Capture-decran-le-2025-06-06-a-15.19.29.jpg?fit=1436%2C952&amp;ssl=1\" data-orig-size=\"1436,952\" data-comments-opened=\"1\" data-image-meta=\"{&quot;aperture&quot;:&quot;0&quot;,&quot;credit&quot;:&quot;&quot;,&quot;camera&quot;:&quot;&quot;,&quot;caption&quot;:&quot;&quot;,&quot;created_timestamp&quot;:&quot;0&quot;,&quot;copyright&quot;:&quot;&quot;,&quot;focal_length&quot;:&quot;0&quot;,&quot;iso&quot;:&quot;0&quot;,&quot;shutter_speed&quot;:&quot;0&quot;,&quot;title&quot;:&quot;&quot;,&quot;orientation&quot;:&quot;0&quot;}\" data-image-title=\"Capture d\u2019e\u0301cran, le 2025-06-06 a\u0300 15.19.29\" data-image-description=\"\" data-image-caption=\"\" data-large-file=\"https:\/\/i0.wp.com\/itayachtscanada.com\/wp-content\/uploads\/2025\/06\/Capture-decran-le-2025-06-06-a-15.19.29.jpg?fit=700%2C464&amp;ssl=1\" class=\"alignnone size-medium wp-image-264534\" src=\"https:\/\/i0.wp.com\/itayachtscanada.com\/wp-content\/uploads\/2025\/06\/Capture-decran-le-2025-06-06-a-15.19.29.jpg?resize=300%2C199&#038;ssl=1\" alt=\"\" width=\"300\" height=\"199\" srcset=\"https:\/\/i0.wp.com\/itayachtscanada.com\/wp-content\/uploads\/2025\/06\/Capture-decran-le-2025-06-06-a-15.19.29.jpg?resize=300%2C199&amp;ssl=1 300w, https:\/\/i0.wp.com\/itayachtscanada.com\/wp-content\/uploads\/2025\/06\/Capture-decran-le-2025-06-06-a-15.19.29.jpg?resize=1024%2C679&amp;ssl=1 1024w, https:\/\/i0.wp.com\/itayachtscanada.com\/wp-content\/uploads\/2025\/06\/Capture-decran-le-2025-06-06-a-15.19.29.jpg?resize=768%2C509&amp;ssl=1 768w, https:\/\/i0.wp.com\/itayachtscanada.com\/wp-content\/uploads\/2025\/06\/Capture-decran-le-2025-06-06-a-15.19.29.jpg?resize=700%2C464&amp;ssl=1 700w, https:\/\/i0.wp.com\/itayachtscanada.com\/wp-content\/uploads\/2025\/06\/Capture-decran-le-2025-06-06-a-15.19.29.jpg?resize=900%2C600&amp;ssl=1 900w, https:\/\/i0.wp.com\/itayachtscanada.com\/wp-content\/uploads\/2025\/06\/Capture-decran-le-2025-06-06-a-15.19.29.jpg?resize=603%2C400&amp;ssl=1 603w, https:\/\/i0.wp.com\/itayachtscanada.com\/wp-content\/uploads\/2025\/06\/Capture-decran-le-2025-06-06-a-15.19.29.jpg?w=1436&amp;ssl=1 1436w\" sizes=\"auto, (max-width: 300px) 100vw, 300px\" \/> <img data-recalc-dims=\"1\" loading=\"lazy\" decoding=\"async\" data-attachment-id=\"264535\" data-permalink=\"https:\/\/itayachtscanada.com\/fr\/listing\/aquila-54-2023-1859000-usd-for-sale\/capture-decran-le-2025-06-06-a-15-19-25\/\" data-orig-file=\"https:\/\/i0.wp.com\/itayachtscanada.com\/wp-content\/uploads\/2025\/06\/Capture-decran-le-2025-06-06-a-15.19.25.jpg?fit=1436%2C952&amp;ssl=1\" data-orig-size=\"1436,952\" data-comments-opened=\"1\" data-image-meta=\"{&quot;aperture&quot;:&quot;0&quot;,&quot;credit&quot;:&quot;&quot;,&quot;camera&quot;:&quot;&quot;,&quot;caption&quot;:&quot;&quot;,&quot;created_timestamp&quot;:&quot;0&quot;,&quot;copyright&quot;:&quot;&quot;,&quot;focal_length&quot;:&quot;0&quot;,&quot;iso&quot;:&quot;0&quot;,&quot;shutter_speed&quot;:&quot;0&quot;,&quot;title&quot;:&quot;&quot;,&quot;orientation&quot;:&quot;0&quot;}\" data-image-title=\"Capture d\u2019e\u0301cran, le 2025-06-06 a\u0300 15.19.25\" data-image-description=\"\" data-image-caption=\"\" data-large-file=\"https:\/\/i0.wp.com\/itayachtscanada.com\/wp-content\/uploads\/2025\/06\/Capture-decran-le-2025-06-06-a-15.19.25.jpg?fit=700%2C464&amp;ssl=1\" class=\"alignnone size-medium wp-image-264535\" src=\"https:\/\/i0.wp.com\/itayachtscanada.com\/wp-content\/uploads\/2025\/06\/Capture-decran-le-2025-06-06-a-15.19.25.jpg?resize=300%2C199&#038;ssl=1\" alt=\"\" width=\"300\" height=\"199\" srcset=\"https:\/\/i0.wp.com\/itayachtscanada.com\/wp-content\/uploads\/2025\/06\/Capture-decran-le-2025-06-06-a-15.19.25.jpg?resize=300%2C199&amp;ssl=1 300w, https:\/\/i0.wp.com\/itayachtscanada.com\/wp-content\/uploads\/2025\/06\/Capture-decran-le-2025-06-06-a-15.19.25.jpg?resize=1024%2C679&amp;ssl=1 1024w, https:\/\/i0.wp.com\/itayachtscanada.com\/wp-content\/uploads\/2025\/06\/Capture-decran-le-2025-06-06-a-15.19.25.jpg?resize=768%2C509&amp;ssl=1 768w, https:\/\/i0.wp.com\/itayachtscanada.com\/wp-content\/uploads\/2025\/06\/Capture-decran-le-2025-06-06-a-15.19.25.jpg?resize=700%2C464&amp;ssl=1 700w, https:\/\/i0.wp.com\/itayachtscanada.com\/wp-content\/uploads\/2025\/06\/Capture-decran-le-2025-06-06-a-15.19.25.jpg?resize=900%2C600&amp;ssl=1 900w, https:\/\/i0.wp.com\/itayachtscanada.com\/wp-content\/uploads\/2025\/06\/Capture-decran-le-2025-06-06-a-15.19.25.jpg?resize=603%2C400&amp;ssl=1 603w, https:\/\/i0.wp.com\/itayachtscanada.com\/wp-content\/uploads\/2025\/06\/Capture-decran-le-2025-06-06-a-15.19.25.jpg?w=1436&amp;ssl=1 1436w\" sizes=\"auto, (max-width: 300px) 100vw, 300px\" \/> <img data-recalc-dims=\"1\" loading=\"lazy\" decoding=\"async\" data-attachment-id=\"264536\" data-permalink=\"https:\/\/itayachtscanada.com\/fr\/listing\/aquila-54-2023-1859000-usd-for-sale\/capture-decran-le-2025-06-06-a-15-19-20\/\" data-orig-file=\"https:\/\/i0.wp.com\/itayachtscanada.com\/wp-content\/uploads\/2025\/06\/Capture-decran-le-2025-06-06-a-15.19.20.jpg?fit=1436%2C952&amp;ssl=1\" data-orig-size=\"1436,952\" data-comments-opened=\"1\" data-image-meta=\"{&quot;aperture&quot;:&quot;0&quot;,&quot;credit&quot;:&quot;&quot;,&quot;camera&quot;:&quot;&quot;,&quot;caption&quot;:&quot;&quot;,&quot;created_timestamp&quot;:&quot;0&quot;,&quot;copyright&quot;:&quot;&quot;,&quot;focal_length&quot;:&quot;0&quot;,&quot;iso&quot;:&quot;0&quot;,&quot;shutter_speed&quot;:&quot;0&quot;,&quot;title&quot;:&quot;&quot;,&quot;orientation&quot;:&quot;0&quot;}\" data-image-title=\"Capture d\u2019e\u0301cran, le 2025-06-06 a\u0300 15.19.20\" data-image-description=\"\" data-image-caption=\"\" data-large-file=\"https:\/\/i0.wp.com\/itayachtscanada.com\/wp-content\/uploads\/2025\/06\/Capture-decran-le-2025-06-06-a-15.19.20.jpg?fit=700%2C464&amp;ssl=1\" class=\"alignnone size-medium wp-image-264536\" src=\"https:\/\/i0.wp.com\/itayachtscanada.com\/wp-content\/uploads\/2025\/06\/Capture-decran-le-2025-06-06-a-15.19.20.jpg?resize=300%2C199&#038;ssl=1\" alt=\"\" width=\"300\" height=\"199\" srcset=\"https:\/\/i0.wp.com\/itayachtscanada.com\/wp-content\/uploads\/2025\/06\/Capture-decran-le-2025-06-06-a-15.19.20.jpg?resize=300%2C199&amp;ssl=1 300w, https:\/\/i0.wp.com\/itayachtscanada.com\/wp-content\/uploads\/2025\/06\/Capture-decran-le-2025-06-06-a-15.19.20.jpg?resize=1024%2C679&amp;ssl=1 1024w, https:\/\/i0.wp.com\/itayachtscanada.com\/wp-content\/uploads\/2025\/06\/Capture-decran-le-2025-06-06-a-15.19.20.jpg?resize=768%2C509&amp;ssl=1 768w, https:\/\/i0.wp.com\/itayachtscanada.com\/wp-content\/uploads\/2025\/06\/Capture-decran-le-2025-06-06-a-15.19.20.jpg?resize=700%2C464&amp;ssl=1 700w, https:\/\/i0.wp.com\/itayachtscanada.com\/wp-content\/uploads\/2025\/06\/Capture-decran-le-2025-06-06-a-15.19.20.jpg?resize=900%2C600&amp;ssl=1 900w, https:\/\/i0.wp.com\/itayachtscanada.com\/wp-content\/uploads\/2025\/06\/Capture-decran-le-2025-06-06-a-15.19.20.jpg?resize=603%2C400&amp;ssl=1 603w, https:\/\/i0.wp.com\/itayachtscanada.com\/wp-content\/uploads\/2025\/06\/Capture-decran-le-2025-06-06-a-15.19.20.jpg?w=1436&amp;ssl=1 1436w\" sizes=\"auto, (max-width: 300px) 100vw, 300px\" \/> <img data-recalc-dims=\"1\" loading=\"lazy\" decoding=\"async\" data-attachment-id=\"264537\" data-permalink=\"https:\/\/itayachtscanada.com\/fr\/listing\/aquila-54-2023-1859000-usd-for-sale\/capture-decran-le-2025-06-06-a-15-19-16\/\" data-orig-file=\"https:\/\/i0.wp.com\/itayachtscanada.com\/wp-content\/uploads\/2025\/06\/Capture-decran-le-2025-06-06-a-15.19.16.jpg?fit=1436%2C952&amp;ssl=1\" data-orig-size=\"1436,952\" data-comments-opened=\"1\" data-image-meta=\"{&quot;aperture&quot;:&quot;0&quot;,&quot;credit&quot;:&quot;&quot;,&quot;camera&quot;:&quot;&quot;,&quot;caption&quot;:&quot;&quot;,&quot;created_timestamp&quot;:&quot;0&quot;,&quot;copyright&quot;:&quot;&quot;,&quot;focal_length&quot;:&quot;0&quot;,&quot;iso&quot;:&quot;0&quot;,&quot;shutter_speed&quot;:&quot;0&quot;,&quot;title&quot;:&quot;&quot;,&quot;orientation&quot;:&quot;0&quot;}\" data-image-title=\"Capture d\u2019e\u0301cran, le 2025-06-06 a\u0300 15.19.16\" data-image-description=\"\" data-image-caption=\"\" data-large-file=\"https:\/\/i0.wp.com\/itayachtscanada.com\/wp-content\/uploads\/2025\/06\/Capture-decran-le-2025-06-06-a-15.19.16.jpg?fit=700%2C464&amp;ssl=1\" class=\"alignnone size-medium wp-image-264537\" src=\"https:\/\/i0.wp.com\/itayachtscanada.com\/wp-content\/uploads\/2025\/06\/Capture-decran-le-2025-06-06-a-15.19.16.jpg?resize=300%2C199&#038;ssl=1\" alt=\"\" width=\"300\" height=\"199\" srcset=\"https:\/\/i0.wp.com\/itayachtscanada.com\/wp-content\/uploads\/2025\/06\/Capture-decran-le-2025-06-06-a-15.19.16.jpg?resize=300%2C199&amp;ssl=1 300w, https:\/\/i0.wp.com\/itayachtscanada.com\/wp-content\/uploads\/2025\/06\/Capture-decran-le-2025-06-06-a-15.19.16.jpg?resize=1024%2C679&amp;ssl=1 1024w, https:\/\/i0.wp.com\/itayachtscanada.com\/wp-content\/uploads\/2025\/06\/Capture-decran-le-2025-06-06-a-15.19.16.jpg?resize=768%2C509&amp;ssl=1 768w, https:\/\/i0.wp.com\/itayachtscanada.com\/wp-content\/uploads\/2025\/06\/Capture-decran-le-2025-06-06-a-15.19.16.jpg?resize=700%2C464&amp;ssl=1 700w, https:\/\/i0.wp.com\/itayachtscanada.com\/wp-content\/uploads\/2025\/06\/Capture-decran-le-2025-06-06-a-15.19.16.jpg?resize=900%2C600&amp;ssl=1 900w, https:\/\/i0.wp.com\/itayachtscanada.com\/wp-content\/uploads\/2025\/06\/Capture-decran-le-2025-06-06-a-15.19.16.jpg?resize=603%2C400&amp;ssl=1 603w, https:\/\/i0.wp.com\/itayachtscanada.com\/wp-content\/uploads\/2025\/06\/Capture-decran-le-2025-06-06-a-15.19.16.jpg?w=1436&amp;ssl=1 1436w\" sizes=\"auto, (max-width: 300px) 100vw, 300px\" \/> <img data-recalc-dims=\"1\" loading=\"lazy\" decoding=\"async\" data-attachment-id=\"264538\" data-permalink=\"https:\/\/itayachtscanada.com\/fr\/listing\/aquila-54-2023-1859000-usd-for-sale\/capture-decran-le-2025-06-06-a-15-19-12\/\" data-orig-file=\"https:\/\/i0.wp.com\/itayachtscanada.com\/wp-content\/uploads\/2025\/06\/Capture-decran-le-2025-06-06-a-15.19.12.jpg?fit=1436%2C952&amp;ssl=1\" data-orig-size=\"1436,952\" data-comments-opened=\"1\" data-image-meta=\"{&quot;aperture&quot;:&quot;0&quot;,&quot;credit&quot;:&quot;&quot;,&quot;camera&quot;:&quot;&quot;,&quot;caption&quot;:&quot;&quot;,&quot;created_timestamp&quot;:&quot;0&quot;,&quot;copyright&quot;:&quot;&quot;,&quot;focal_length&quot;:&quot;0&quot;,&quot;iso&quot;:&quot;0&quot;,&quot;shutter_speed&quot;:&quot;0&quot;,&quot;title&quot;:&quot;&quot;,&quot;orientation&quot;:&quot;0&quot;}\" data-image-title=\"Capture d\u2019e\u0301cran, le 2025-06-06 a\u0300 15.19.12\" data-image-description=\"\" data-image-caption=\"\" data-large-file=\"https:\/\/i0.wp.com\/itayachtscanada.com\/wp-content\/uploads\/2025\/06\/Capture-decran-le-2025-06-06-a-15.19.12.jpg?fit=700%2C464&amp;ssl=1\" class=\"alignnone size-medium wp-image-264538\" src=\"https:\/\/i0.wp.com\/itayachtscanada.com\/wp-content\/uploads\/2025\/06\/Capture-decran-le-2025-06-06-a-15.19.12.jpg?resize=300%2C199&#038;ssl=1\" alt=\"\" width=\"300\" height=\"199\" srcset=\"https:\/\/i0.wp.com\/itayachtscanada.com\/wp-content\/uploads\/2025\/06\/Capture-decran-le-2025-06-06-a-15.19.12.jpg?resize=300%2C199&amp;ssl=1 300w, https:\/\/i0.wp.com\/itayachtscanada.com\/wp-content\/uploads\/2025\/06\/Capture-decran-le-2025-06-06-a-15.19.12.jpg?resize=1024%2C679&amp;ssl=1 1024w, https:\/\/i0.wp.com\/itayachtscanada.com\/wp-content\/uploads\/2025\/06\/Capture-decran-le-2025-06-06-a-15.19.12.jpg?resize=768%2C509&amp;ssl=1 768w, https:\/\/i0.wp.com\/itayachtscanada.com\/wp-content\/uploads\/2025\/06\/Capture-decran-le-2025-06-06-a-15.19.12.jpg?resize=700%2C464&amp;ssl=1 700w, https:\/\/i0.wp.com\/itayachtscanada.com\/wp-content\/uploads\/2025\/06\/Capture-decran-le-2025-06-06-a-15.19.12.jpg?resize=900%2C600&amp;ssl=1 900w, https:\/\/i0.wp.com\/itayachtscanada.com\/wp-content\/uploads\/2025\/06\/Capture-decran-le-2025-06-06-a-15.19.12.jpg?resize=603%2C400&amp;ssl=1 603w, https:\/\/i0.wp.com\/itayachtscanada.com\/wp-content\/uploads\/2025\/06\/Capture-decran-le-2025-06-06-a-15.19.12.jpg?w=1436&amp;ssl=1 1436w\" sizes=\"auto, (max-width: 300px) 100vw, 300px\" \/> <img data-recalc-dims=\"1\" loading=\"lazy\" decoding=\"async\" data-attachment-id=\"264539\" data-permalink=\"https:\/\/itayachtscanada.com\/fr\/listing\/aquila-54-2023-1859000-usd-for-sale\/capture-decran-le-2025-06-06-a-15-19-08\/\" data-orig-file=\"https:\/\/i0.wp.com\/itayachtscanada.com\/wp-content\/uploads\/2025\/06\/Capture-decran-le-2025-06-06-a-15.19.08.jpg?fit=1436%2C952&amp;ssl=1\" data-orig-size=\"1436,952\" data-comments-opened=\"1\" data-image-meta=\"{&quot;aperture&quot;:&quot;0&quot;,&quot;credit&quot;:&quot;&quot;,&quot;camera&quot;:&quot;&quot;,&quot;caption&quot;:&quot;&quot;,&quot;created_timestamp&quot;:&quot;0&quot;,&quot;copyright&quot;:&quot;&quot;,&quot;focal_length&quot;:&quot;0&quot;,&quot;iso&quot;:&quot;0&quot;,&quot;shutter_speed&quot;:&quot;0&quot;,&quot;title&quot;:&quot;&quot;,&quot;orientation&quot;:&quot;0&quot;}\" data-image-title=\"Capture d\u2019e\u0301cran, le 2025-06-06 a\u0300 15.19.08\" data-image-description=\"\" data-image-caption=\"\" data-large-file=\"https:\/\/i0.wp.com\/itayachtscanada.com\/wp-content\/uploads\/2025\/06\/Capture-decran-le-2025-06-06-a-15.19.08.jpg?fit=700%2C464&amp;ssl=1\" class=\"alignnone size-medium wp-image-264539\" src=\"https:\/\/i0.wp.com\/itayachtscanada.com\/wp-content\/uploads\/2025\/06\/Capture-decran-le-2025-06-06-a-15.19.08.jpg?resize=300%2C199&#038;ssl=1\" alt=\"\" width=\"300\" height=\"199\" srcset=\"https:\/\/i0.wp.com\/itayachtscanada.com\/wp-content\/uploads\/2025\/06\/Capture-decran-le-2025-06-06-a-15.19.08.jpg?resize=300%2C199&amp;ssl=1 300w, https:\/\/i0.wp.com\/itayachtscanada.com\/wp-content\/uploads\/2025\/06\/Capture-decran-le-2025-06-06-a-15.19.08.jpg?resize=1024%2C679&amp;ssl=1 1024w, https:\/\/i0.wp.com\/itayachtscanada.com\/wp-content\/uploads\/2025\/06\/Capture-decran-le-2025-06-06-a-15.19.08.jpg?resize=768%2C509&amp;ssl=1 768w, https:\/\/i0.wp.com\/itayachtscanada.com\/wp-content\/uploads\/2025\/06\/Capture-decran-le-2025-06-06-a-15.19.08.jpg?resize=700%2C464&amp;ssl=1 700w, https:\/\/i0.wp.com\/itayachtscanada.com\/wp-content\/uploads\/2025\/06\/Capture-decran-le-2025-06-06-a-15.19.08.jpg?resize=900%2C600&amp;ssl=1 900w, https:\/\/i0.wp.com\/itayachtscanada.com\/wp-content\/uploads\/2025\/06\/Capture-decran-le-2025-06-06-a-15.19.08.jpg?resize=603%2C400&amp;ssl=1 603w, https:\/\/i0.wp.com\/itayachtscanada.com\/wp-content\/uploads\/2025\/06\/Capture-decran-le-2025-06-06-a-15.19.08.jpg?w=1436&amp;ssl=1 1436w\" sizes=\"auto, (max-width: 300px) 100vw, 300px\" \/> <img data-recalc-dims=\"1\" loading=\"lazy\" decoding=\"async\" data-attachment-id=\"264540\" data-permalink=\"https:\/\/itayachtscanada.com\/fr\/listing\/aquila-54-2023-1859000-usd-for-sale\/capture-decran-le-2025-06-06-a-15-18-45\/\" data-orig-file=\"https:\/\/i0.wp.com\/itayachtscanada.com\/wp-content\/uploads\/2025\/06\/Capture-decran-le-2025-06-06-a-15.18.45.jpg?fit=1436%2C952&amp;ssl=1\" data-orig-size=\"1436,952\" data-comments-opened=\"1\" data-image-meta=\"{&quot;aperture&quot;:&quot;0&quot;,&quot;credit&quot;:&quot;&quot;,&quot;camera&quot;:&quot;&quot;,&quot;caption&quot;:&quot;&quot;,&quot;created_timestamp&quot;:&quot;0&quot;,&quot;copyright&quot;:&quot;&quot;,&quot;focal_length&quot;:&quot;0&quot;,&quot;iso&quot;:&quot;0&quot;,&quot;shutter_speed&quot;:&quot;0&quot;,&quot;title&quot;:&quot;&quot;,&quot;orientation&quot;:&quot;0&quot;}\" data-image-title=\"Capture d\u2019e\u0301cran, le 2025-06-06 a\u0300 15.18.45\" data-image-description=\"\" data-image-caption=\"\" data-large-file=\"https:\/\/i0.wp.com\/itayachtscanada.com\/wp-content\/uploads\/2025\/06\/Capture-decran-le-2025-06-06-a-15.18.45.jpg?fit=700%2C464&amp;ssl=1\" class=\"alignnone size-medium wp-image-264540\" src=\"https:\/\/i0.wp.com\/itayachtscanada.com\/wp-content\/uploads\/2025\/06\/Capture-decran-le-2025-06-06-a-15.18.45.jpg?resize=300%2C199&#038;ssl=1\" alt=\"\" width=\"300\" height=\"199\" srcset=\"https:\/\/i0.wp.com\/itayachtscanada.com\/wp-content\/uploads\/2025\/06\/Capture-decran-le-2025-06-06-a-15.18.45.jpg?resize=300%2C199&amp;ssl=1 300w, https:\/\/i0.wp.com\/itayachtscanada.com\/wp-content\/uploads\/2025\/06\/Capture-decran-le-2025-06-06-a-15.18.45.jpg?resize=1024%2C679&amp;ssl=1 1024w, https:\/\/i0.wp.com\/itayachtscanada.com\/wp-content\/uploads\/2025\/06\/Capture-decran-le-2025-06-06-a-15.18.45.jpg?resize=768%2C509&amp;ssl=1 768w, https:\/\/i0.wp.com\/itayachtscanada.com\/wp-content\/uploads\/2025\/06\/Capture-decran-le-2025-06-06-a-15.18.45.jpg?resize=700%2C464&amp;ssl=1 700w, https:\/\/i0.wp.com\/itayachtscanada.com\/wp-content\/uploads\/2025\/06\/Capture-decran-le-2025-06-06-a-15.18.45.jpg?resize=900%2C600&amp;ssl=1 900w, https:\/\/i0.wp.com\/itayachtscanada.com\/wp-content\/uploads\/2025\/06\/Capture-decran-le-2025-06-06-a-15.18.45.jpg?resize=603%2C400&amp;ssl=1 603w, https:\/\/i0.wp.com\/itayachtscanada.com\/wp-content\/uploads\/2025\/06\/Capture-decran-le-2025-06-06-a-15.18.45.jpg?w=1436&amp;ssl=1 1436w\" sizes=\"auto, (max-width: 300px) 100vw, 300px\" \/><\/div>\n<div><\/div>\n<div><\/div>\n<div>\n<div class=\"jetpack-video-wrapper\"><span class=\"embed-youtube\" style=\"text-align:center; display: block;\"><iframe loading=\"lazy\" class=\"youtube-player\" width=\"700\" height=\"394\" src=\"https:\/\/www.youtube.com\/embed\/DWESLg1oIy4?version=3&#038;rel=1&#038;showsearch=0&#038;showinfo=1&#038;iv_load_policy=1&#038;fs=1&#038;hl=fr-FR&#038;autohide=2&#038;wmode=transparent\" allowfullscreen=\"true\" style=\"border:0;\" sandbox=\"allow-scripts allow-same-origin allow-popups allow-presentation allow-popups-to-escape-sandbox\"><\/iframe><\/span><\/div>\n<div class=\"jetpack-video-wrapper\"><span class=\"embed-youtube\" style=\"text-align:center; display: block;\"><iframe loading=\"lazy\" class=\"youtube-player\" width=\"700\" height=\"394\" src=\"https:\/\/www.youtube.com\/embed\/5xDSqdWP4-s?version=3&#038;rel=1&#038;showsearch=0&#038;showinfo=1&#038;iv_load_policy=1&#038;fs=1&#038;hl=fr-FR&#038;autohide=2&#038;start=7&#038;wmode=transparent\" allowfullscreen=\"true\" style=\"border:0;\" sandbox=\"allow-scripts allow-same-origin allow-popups allow-presentation allow-popups-to-escape-sandbox\"><\/iframe><\/span><\/div>\n<\/div>\n<div>\n<p><strong>\u00a0<\/strong><\/p>\n<p>&nbsp;<\/p>\n<p><strong>Ita Yachts Canada propose de vous assister et de voir \u00e0 vos int\u00e9r\u00eats pour l\u2019achat de ce yacht qui est \u00e0 vendre par une autre organisation. Nous serons pr\u00e9sents lors de l\u2019inspection et tout au long de la transaction et ce peu importe sa localisation. L\u2019\u00e9quipe d\u2019Ita Yachts Canada se soumet au plus haut standard d\u2019\u00e9thique.<\/strong><\/p>\n<p>&nbsp;<\/p>\n<\/div>\n<\/div>\n<\/div>\n<\/div>\n<\/div>\n<\/div>\n<\/div>\n<\/div>\n<\/div>\n<p>Nouvelle peinture de fond<\/p>\n<p>Les moteurs et le g\u00e9n\u00e9rateur viennent d&rsquo;\u00eatre r\u00e9vis\u00e9s, tous les fluides ont \u00e9t\u00e9 chang\u00e9s<\/p>\n<p>2 xVolvo Penta D6 480 &#8211; Puissance totale 960cv ~200 heures moteur<\/p>\n<p>Propulseurs fixes \u00e0 4 pales<\/p>\n<p>Propulseur d&rsquo;\u00e9trave<\/p>\n<p>Plate-forme hydraulique de levage de l&rsquo;annexe \u00e0 l&rsquo;arri\u00e8re entre les coques<\/p>\n<p>Treuils \u00e9lectriques b\u00e2bord et tribord \u00e0 l&rsquo;arri\u00e8re<\/p>\n<p>Syst\u00e8me de filtration d&rsquo;eau Aqua Pure<\/p>\n<p>Syst\u00e8me de climatisation Wabasto BlueCool V-PRO Series exceptionnellement efficace gr\u00e2ce au contr\u00f4le de la vitesse variable<\/p>\n<p>Syst\u00e8me d&rsquo;\u00e9chappement Centek Marine<\/p>\n<p>Groupe \u00e9lectrog\u00e8ne Kohler 21kW 60Hz\/110v avec 554 heures + enceinte acoustique, t\u00e9l\u00e9commande et pompe de transfert de carburant<\/p>\n<p>Rangement principal du c\u00e2ble d&rsquo;alimentation de quai (2)<\/p>\n<p>Dessalinisateur (41gal.\/hr) Spectra Newport &#8211; 1000 avec syst\u00e8me de protection Z-ion<\/p>\n<p>Raccordement d&rsquo;eau \u00e0 quai<\/p>\n<p>Pompe de lavage du pont \u00e0 l&rsquo;eau de mer pour la proue<\/p>\n<p>&nbsp;<\/p>\n<p>&nbsp;<\/p>\n<p>Cuisine<\/p>\n<p>Cuisine vers le haut<\/p>\n<p>Table de cuisson \u00e0 induction Kenyon Bridge<\/p>\n<p>R\u00e9frig\u00e9rateur \u00e0 vin<\/p>\n<p>FISHER &amp; PAYKEL R\u00e9frig\u00e9rateur et cong\u00e9lateur de grande taille<\/p>\n<p>&nbsp;<\/p>\n<p>Cabines<\/p>\n<p>&#8211; 4 cabines \/ 4 salles de bain Mod\u00e8le version propri\u00e9taire &#8211; 3 cabines + cabine d&rsquo;\u00e9quipage \u00e0 l&rsquo;arri\u00e8re du cockpit avec entr\u00e9e s\u00e9par\u00e9e et salle de bain (actuellement utilis\u00e9e comme rangement)<\/p>\n<p>Toilettes automatiques Sanimarin Sea \u00e0 eau douce<\/p>\n<p>&nbsp;<\/p>\n<p>\u00c9lectronique<\/p>\n<p>Ensemble \u00e9lectronique Raymarine<\/p>\n<p>2 MFD Raymarine Hybrid Touch<\/p>\n<p>Pilote automatique Raymarine<\/p>\n<p>VHF Raymarine<\/p>\n<p>Commande de propulseur d&rsquo;\u00e9trave SLEIPNER sur le flybridge<\/p>\n<p>Dockmate &#8211; syst\u00e8me d&rsquo;amarrage sans fil<\/p>\n<p>Affichage CZone sur le flybridge et \u00e0 l&rsquo;int\u00e9rieur du poste de pilotage Commutation num\u00e9rique des commandes AC, DC<\/p>\n<p>Syst\u00e8me st\u00e9r\u00e9o Fusion Marine<\/p>\n<p>Cam\u00e9ras de s\u00e9curit\u00e9 Ring aliment\u00e9es par \u00e9nergie solaire<\/p>\n<p>Direct TV<\/p>\n<p>Starlink<\/p>\n<p>Chargeurs de batterie Mastervolt 6A Waterproof \u00e0 montage fixe pour le moteur et le g\u00e9n\u00e9rateur<\/p>\n<p>Syst\u00e8mes Blue Sea<\/p>\n<p>&nbsp;<\/p>\n<p>Pont sup\u00e9rieur<\/p>\n<p>Pare-brise en verre au niveau des commandes de barre<\/p>\n<p>Gril \u00e9lectrique Kenyon encastr\u00e9<\/p>\n<p>Wet bar avec machine \u00e0 gla\u00e7ons Avantco<\/p>\n<p>R\u00e9frig\u00e9rateur \/ cong\u00e9lateur Isotherm<\/p>\n<p>\u00c9vier en acier inoxydable<\/p>\n<p>Support TV rabattable sur le flybridge &#8211; TV Samsung \u00e0 \u00e9cran plat install\u00e9e dans la trappe du panneau de plafond<\/p>\n<p>&nbsp;<\/p>\n<p>Divers<\/p>\n<p>Glaci\u00e8re Yeti avec support install\u00e9 dans le cockpit arri\u00e8re<\/p>\n<p>R\u00e9frig\u00e9rateur \/ cong\u00e9lateur portable Dometic sur le flybridge<\/p>\n<p>Glaci\u00e8re Yeti suppl\u00e9mentaire<\/p>\n<p>Table de nettoyage du poisson et de cuisson install\u00e9e \u00e0 b\u00e2bord du cockpit arri\u00e8re<\/p>\n<p>\u00c9chelle de bain<\/p>\n<p>&nbsp;<\/p>\n<p>Annexe &#8211; console centrale Highfield avec moteur hors-bord Yamaha 60hp 4 temps<\/p>\n<p>&nbsp;<\/p>\n<p>&nbsp;<\/p>\n<p><strong><span style=\"color: black;\">AVIS DE NON-RESPONSABILIT\u00c9<\/span><\/strong><\/p>\n<p><strong><span style=\"color: black; font-weight: normal;\">Le bateau qui est pr\u00e9sent\u00e9 sur cette page, l\u2019est uniquement \u00e0 titre d\u2019information et n\u2019est pas n\u00e9cessairement toujours disponible \u00e0 la vente et\/ou \u00e0 la location.<\/span><\/strong><span class=\"apple-converted-space\"><b><span style=\"color: black;\">\u00a0<\/span><\/b><\/span><strong><span style=\"color: black; font-weight: normal;\">Ce bateau est peut-\u00eatre offert sous r\u00e9serve, il faut v\u00e9rifier sa disponibilit\u00e9.<\/span><\/strong><span class=\"apple-converted-space\"><b><span style=\"color: black;\">\u00a0<\/span><\/b><\/span><strong><span style=\"color: black; font-weight: normal;\">\u00a0Ce document ou cette annonce n\u2019est pas contractuel. Les informations sur les bateaux affich\u00e9es dans les r\u00e9sultats ci-dessus sont pr\u00e9sent\u00e9es en toute bonne foi et, bien qu\u2019elles soient consid\u00e9r\u00e9es comme correctes, elles ne sont pas garanties. Ita Yachts Canada ne garantit pas et n\u2019assume aucune responsabilit\u00e9 l\u00e9gale ou responsabilit\u00e9 pour l\u2019exactitude, l\u2019exhaustivit\u00e9 ou l\u2019utilit\u00e9 des informations et\/ou des images affich\u00e9es, car elles peuvent ne pas \u00eatre \u00e0 jour ou encore \u00eatres des images d\u2019un bateau comparable. Toutes les informations sur les bateaux peuvent \u00eatre modifi\u00e9es sans pr\u00e9avis et sont sans garantie.<\/span><\/strong><span class=\"apple-converted-space\"><b><span style=\"color: black;\">\u00a0<\/span><\/b><\/span><strong><span style=\"color: black; font-weight: normal;\">Ce bateau est peut-\u00eatre offert par un autre courtier ouvert au co-courtage (co-brokerage).<\/span><\/strong><\/p>\n<p>&nbsp;<\/p>\n<div data-test='contact-form'\n\t\t\tid='contact-form-264446'\n\t\t\tclass='jetpack-contact-form-container '\n\t\t\tdata-wp-interactive='jetpack\/form' data-wp-context='{\"formId\":\"264446\",\"formHash\":\"160e5076ea10494cc89cc4b6229f2aae54f26a08\",\"showErrors\":false,\"errors\":[],\"fields\":[],\"isMultiStep\":false,\"useAjax\":false,\"submissionData\":null,\"formattedSubmissionData\":[],\"submissionSuccess\":false,\"submissionError\":null,\"elementId\":\"jp-form-160e5076ea10494cc89cc4b6229f2aae54f26a08\",\"isSingleInputForm\":false,\"isForcedHorizontal\":false}'\n\t\t\tdata-wp-watch--scroll-to-wrapper=\"callbacks.scrollToWrapper\"\n\t\t>\n<div class=\"contact-form-submission contact-form-ajax-submission\" data-wp-bind--aria-hidden=\"state.isSuccessMessageAriaHidden\" data-wp-class--submission-success=\"context.submissionSuccess\" id=\"contact-form-success-160e5076ea10494cc89cc4b6229f2aae54f26a08\" tabindex=\"-1\" aria-labelledby=\"contact-form-success-header-160e5076ea10494cc89cc4b6229f2aae54f26a08\"><p class=\"go-back-message\"><a class=\"link\" role=\"button\" tabindex=\"0\" data-wp-on--click=\"actions.goBack\" href=\"\/fr\/wp-json\/wp\/v2\/listing\/264446\">\u2190 Retour<\/a><\/p><h4 data-wp-bind--aria-hidden=\"state.isSuccessMessageAriaHidden\" id=\"contact-form-success-header-160e5076ea10494cc89cc4b6229f2aae54f26a08\">Merci pour votre r\u00e9ponse. \u2728<\/h4>\n\n<template data-wp-each--submission=\"context.formattedSubmissionData\">\n\t\t\t\t\t<div class=\"jetpack_forms_contact-form-success-summary\">\n\t\t\t\t\t\t<div class=\"field-name-wrapper\">\n\t\t\t\t\t\t\t<div class=\"field-type-icon\" data-wp-watch=\"callbacks.watchFieldTypeIcon\"><\/div>\n\t\t\t\t\t\t\t<div class=\"field-name\" data-wp-text=\"context.submission.label\" data-wp-bind--hidden=\"!context.submission.label\"><\/div>\n\t\t\t\t\t\t<\/div>\n\t\t\t\t\t\t<div class=\"field-value\" data-wp-text=\"context.submission.value\" data-wp-bind--hidden=\"!context.submission.showPlainValue\"><\/div>\n\t\t\t\t\t\t<a class=\"field-url\" data-wp-bind--href=\"context.submission.url\" data-wp-text=\"context.submission.value\" data-wp-bind--hidden=\"!context.submission.url\" target=\"_blank\" rel=\"noopener noreferrer\"><\/a>\n\t\t\t\t\t\t<div class=\"field-rating\" data-wp-bind--hidden=\"!context.submission.rating\" data-wp-watch=\"callbacks.watchRatingIcons\"><\/div>\n\t\t\t\t\t\t<div class=\"field-images\" data-wp-bind--hidden=\"!context.submission.images\">\n\t\t\t\t\t\t\t<template data-wp-each--image=\"context.submission.images\">\n\t\t\t\t\t\t\t\t<div class=\"field-image-option\" data-wp-class--is-empty=\"!context.image.src\">\n\t\t\t\t\t\t\t\t\t<figure class=\"field-image-option__image\" data-wp-class--is-empty=\"!context.image.src\">\n\t\t\t\t\t\t\t\t\t\t<img data-wp-bind--src=\"context.image.src\" data-wp-bind--hidden=\"!context.image.src\" \/>\n\t\t\t\t\t\t\t\t\t\t<img decoding=\"async\" src=\"data:image\/gif;base64,R0lGODlhAQABAAD\/ACwAAAAAAQABAAACADs=\" data-wp-bind--hidden=\"context.image.src\" \/>\n\t\t\t\t\t\t\t\t\t<\/figure>\n\t\t\t\t\t\t\t\t\t<div class=\"field-image-option__label-wrapper\">\n\t\t\t\t\t\t\t\t\t\t<span class=\"field-image-option__label-code\" data-wp-text=\"context.image.letterCode\"><\/span>\n\t\t\t\t\t\t\t\t\t\t<span class=\"field-image-option__label\" data-wp-text=\"context.image.label\" data-wp-bind--hidden=\"!context.image.label\"><\/span>\n\t\t\t\t\t\t\t\t\t<\/div>\n\t\t\t\t\t\t\t\t<\/div>\n\t\t\t\t\t\t\t<\/template>\n\t\t\t\t\t\t<\/div>\n\t\t\t\t\t\t<div class=\"field-files\" data-wp-bind--hidden=\"!context.submission.files\">\n\t\t\t\t\t\t\t<template data-wp-each--file=\"context.submission.files\">\n\t\t\t\t\t\t\t\t<div class=\"field-file\">\n\t\t\t\t\t\t\t\t\t<div class=\"field-file__thumbnail\" data-wp-style--background-image=\"context.file.previewUrl\" data-wp-style--mask-image=\"context.file.iconUrl\" data-wp-bind--hidden=\"!context.file.hasPreview\"><\/div>\n\t\t\t\t\t\t\t\t\t<svg class=\"field-file__icon\" data-wp-bind--hidden=\"context.file.hasPreview\" width=\"20\" height=\"20\" viewBox=\"0 0 24 24\" fill=\"none\" xmlns=\"http:\/\/www.w3.org\/2000\/svg\" aria-hidden=\"true\">\n\t\t\t\t\t\t\t\t\t\t<path d=\"M14 2H6C4.9 2 4 2.9 4 4V20C4 21.1 4.89 22 5.99 22H18C19.1 22 20 21.1 20 20V8L14 2ZM18 20H6V4H13V9H18V20Z\" fill=\"currentColor\"\/>\n\t\t\t\t\t\t\t\t\t<\/svg>\n\t\t\t\t\t\t\t\t\t<span class=\"field-file__name\" data-wp-text=\"context.file.name\"><\/span>\n\t\t\t\t\t\t\t\t\t<span class=\"field-file__size\" data-wp-text=\"context.file.size\"><\/span>\n\t\t\t\t\t\t\t\t<\/div>\n\t\t\t\t\t\t\t<\/template>\n\t\t\t\t\t\t<\/div>\n\t\t\t\t\t<\/div>\n\t\t\t\t<\/template><\/div><form action='https:\/\/itayachtscanada.com\/fr\/listing\/aquila-54-2023-1859000-usd-for-sale\/'\n\t\t\t\tid='jp-form-160e5076ea10494cc89cc4b6229f2aae54f26a08'\n\t\t\t\tmethod='post'\n\t\t\t\tclass='contact-form commentsblock jetpack-contact-form__form has-no-jetpack-form-layout' aria-label=\"{:en}Aquila 54 2023 $1,699,000 usd for sale{:}{:fr}Aquila 54 2023 $1,699,000 usd \u00e0 vendre{:}\"\n\t\t\t\tdata-wp-on--submit=\"actions.onFormSubmit\"\n\t\t\t\tdata-wp-on--reset=\"actions.onFormReset\"\n\t\t\t\tdata-wp-class--submission-success=\"context.submissionSuccess\"\n\t\t\t\tdata-wp-class--is-first-step=\"state.isFirstStep\"\n\t\t\t\tdata-wp-class--is-last-step=\"state.isLastStep\"\n\t\t\t\tdata-wp-class--is-ajax-form=\"context.useAjax\"\n\t\t\t\tnovalidate >\n<input type='hidden' name='jetpack_contact_form_jwt' value='eyJ0eXAiOiJKV1QiLCJhbGciOiJIUzI1NiJ9.eyJlbmNyeXB0ZWRfYXR0cmlidXRlcyI6IkJyMGNmUmxzVFJMNDBzU1pMVlZ1SEl0cFV0dklGSFRLUjg4NG04N3JVbGRNV3psNjRyWEg2WTdBQlRHTDF6aUNmMlZVeDc4dnh5T3ZRLzh4RE5zRndjbGs4aDI1Vnc3T0hJOWpDNnhzVWlLT1VLTHhpQVAxQkUxRFp3RkdrWFc2UVBlWjZ3THdGYnY3bWhtQkxEdEFuckxWMVNKbi9iOVBCanVSSkJ2ODYyTU1kWUJaYlM4clZFbGNkWE52TisxWVQrc2JNUTI3YTArNWlMSmFaNVVQWVlEZzYwVFJxN1RmWDZBa0hiRUhMQ2pabzJOWXA3Z3BlL0dPejFvU3hwUFFBWGhPVERiQ09BdVgzVmhaUnJuMmJLYmhuQ3oxWjdkOE82Y3AwYXgydThyVWovZjcwY3FKdjB0aHE1SHFHaldteGp6QmFPUWlqdUwxYXRKcDNuZWtXTUM5K3BZU0FjaEUvVUZNa2FSN00wb3FxWEV1K1lFcGlWOHlOUCtqM1dNbXVVODFKZlNlcFpiNGt1bUVwaUJSVFhFKzRUZnh6clRLNm1lYkxZaEdadDJTQnl0S2JaZmIvN2QxSVRnUFA5ZUpVaWo3RWxKZFIzYngrWHlCNml5bm5JV0FsVGtRaTBnVXg0VHNQa3dLbzZoWU9QVzRGc3BWWEZMb0tjVTlUTHpjcmhsVEkzR1JpSnNyNkg4bkpXZmZZVnFTcUozYmo4b3p4S1hHQUxKNTBNVDdqY3hrWXdTdHpqTlRid282azI2cjNFWFZ3Sm1aZXRtS0FYY3hWdUdRbmFNNXdHaXVuZDhQbEN0OGpTTGdVaGJaYmpsNWluZU5yNXRVSUM4TWJramZ4UHBsNWxNU1RXRXJIOXJBTlVkeHljUG5RNW9GckswVmNyemFqa2FHL3B2U09lWEVydW0yN0dmY2NqMERpOWhxVjU4NmRFZzQ5NXUxanRXNE8vdVpTOHM4LzZHMUVrU0F2bGVjZU02TWJVaE9BWmJrSHVKU1drYWN4L0VoVmpyRUptTG1mNVp6YXhDQUJHekIwMGdSWG1UTktwK1dhUDM4ZEZsQU0rZCtjVWdGdGpva0htMHk5Y1RveFM0dWh5WHhadnYydUhMQ3h4SjZGVG4ycjZhZ2RtSWw4QXZkek9nMTJPOXIxUGlaRXVpYTlHSlRscnlaRzYyWkZuNldzYXRGQ2llL2p2eEpTa2poeS9mYU5XUkZiT2dNVlZVRVNMOUpXMGRsMTg1YnljNUZGS1N3YytXNyIsImNvbnRlbnQiOiJbY29udGFjdC1maWVsZCBsYWJlbD1cIk5vbTpcIiB0eXBlPVwibmFtZVwiIHJlcXVpcmVkPVwiMVwiXVtjb250YWN0LWZpZWxkIGxhYmVsPVwiRS1tYWlsXCIgdHlwZT1cImVtYWlsXCIgcmVxdWlyZWQ9XCIxXCJdW2NvbnRhY3QtZmllbGQgbGFiZWw9XCJBdSBzdWpldCBkZSBjZSBQb3dlciBDYXRhbWFyYW46XCIgdHlwZT1cInRleHRcIl1bY29udGFjdC1maWVsZCBsYWJlbD1cIk1lc3NhZ2VcIiB0eXBlPVwidGV4dGFyZWFcIl0iLCJoYXNoIjoiMTYwZTUwNzZlYTEwNDk0Y2M4OWNjNGI2MjI5ZjJhYWU1NGYyNmEwOCIsInNvdXJjZSI6eyJlbnRyeV90aXRsZSI6IkFxdWlsYSA1NCAyMDIzICQxLDY5OSwwMDAgdXNkIFx1MDBlMCB2ZW5kcmUiLCJlbnRyeV9wYWdlIjoxLCJzb3VyY2VfaWQiOjI2NDQ0Niwic291cmNlX3R5cGUiOiJzaW5nbGUiLCJyZXF1ZXN0X3VybCI6Imh0dHBzOi8vaXRheWFjaHRzY2FuYWRhLmNvbS9mci93cC1qc29uL3dwL3YyL2xpc3RpbmcvMjY0NDQ2In0sInZlcnNpb24iOjIsImNpcGhlciI6ImFlcy0yNTYtZ2NtIn0.O9NjoY6vfkbloYNoqtpctw0uisUFVkV0Irf5JwXsR_Q' \/>\n\n<div style=\"\"  data-wp-interactive=\"jetpack\/form\" data-wp-context='{\"fieldId\":\"g264446-nom\",\"fieldType\":\"name\",\"fieldLabel\":\"Nom:\",\"fieldValue\":\"\",\"fieldPlaceholder\":\"\",\"fieldIsRequired\":\"1\",\"fieldErrorMessage\":\"\",\"fieldExtra\":[],\"formHash\":\"160e5076ea10494cc89cc4b6229f2aae54f26a08\"}'  class='grunion-field-name-wrap grunion-field-wrap'  data-wp-init='callbacks.initializeField' data-wp-on--jetpack-form-reset='callbacks.initializeField' >\n<label\n\t\t\t\tfor='g264446-nom' class=\"grunion-field-label name\" >Nom:<span class=\"grunion-label-required\" aria-hidden=\"true\">(obligatoire)<\/span><\/label>\n<input\n\t\t\t\t\ttype='text'\n\t\t\t\t\tname='g264446-nom'\n\t\t\t\t\tid='g264446-nom'\n\t\t\t\t\tvalue=''\n\n\t\t\t\t\tdata-wp-bind--aria-invalid='state.fieldAriaInvalid'\n\t\t\t\t\tdata-wp-bind--value='state.getFieldValue'\n\t\t\t\t\taria-describedby='g264446-nom-text-error-message'\n\t\t\t\t\tdata-wp-on--input='actions.onFieldChange'\n\t\t\t\t\tdata-wp-on--blur='actions.onFieldBlur'\n\t\t\t\t\tdata-wp-class--has-value='state.hasFieldValue'\n\n\t\t\t\t\tclass='name  grunion-field' \n\t\t\t\t\trequired='true' aria-required='true'  \/>\n \n\t\t\t<div id=\"g264446-nom-text-error\" class=\"contact-form__input-error\" data-wp-class--has-errors=\"state.fieldHasErrors\">\n\t\t\t\t<span class=\"contact-form__warning-icon\" aria-hidden=\"true\">\n\t\t\t\t\t<svg width=\"16\" height=\"16\" viewBox=\"0 0 16 16\" fill=\"none\" xmlns=\"http:\/\/www.w3.org\/2000\/svg\">\n\t\t\t\t\t\t<path d=\"M8.50015 11.6402H7.50015V10.6402H8.50015V11.6402Z\" \/>\n\t\t\t\t\t\t<path d=\"M7.50015 9.64018H8.50015V6.30684H7.50015V9.64018Z\" \/>\n\t\t\t\t\t\t<path fill-rule=\"evenodd\" clip-rule=\"evenodd\" d=\"M6.98331 3.0947C7.42933 2.30177 8.57096 2.30177 9.01698 3.09469L13.8771 11.7349C14.3145 12.5126 13.7525 13.4735 12.8602 13.4735H3.14004C2.24774 13.4735 1.68575 12.5126 2.12321 11.7349L6.98331 3.0947ZM8.14541 3.58496C8.08169 3.47168 7.9186 3.47168 7.85488 3.58496L2.99478 12.2251C2.93229 12.3362 3.01257 12.4735 3.14004 12.4735H12.8602C12.9877 12.4735 13.068 12.3362 13.0055 12.2251L8.14541 3.58496Z\" \/>\n\t\t\t\t\t<\/svg>\n\t\t\t\t<\/span>\n\t\t\t\t<span data-wp-text=\"state.errorMessage\" id=\"g264446-nom-text-error-message\"><\/span>\n\t\t\t<\/div> \n\t<\/div>\n\n<div style=\"\"  data-wp-interactive=\"jetpack\/form\" data-wp-context='{\"fieldId\":\"g264446-email\",\"fieldType\":\"email\",\"fieldLabel\":\"E-mail\",\"fieldValue\":\"\",\"fieldPlaceholder\":\"\",\"fieldIsRequired\":\"1\",\"fieldErrorMessage\":\"\",\"fieldExtra\":[],\"formHash\":\"160e5076ea10494cc89cc4b6229f2aae54f26a08\"}'  class='grunion-field-email-wrap grunion-field-wrap'  data-wp-init='callbacks.initializeField' data-wp-on--jetpack-form-reset='callbacks.initializeField' >\n<label\n\t\t\t\tfor='g264446-email' class=\"grunion-field-label email\" >E-mail<span class=\"grunion-label-required\" aria-hidden=\"true\">(obligatoire)<\/span><\/label>\n<input\n\t\t\t\t\ttype='email'\n\t\t\t\t\tname='g264446-email'\n\t\t\t\t\tid='g264446-email'\n\t\t\t\t\tvalue=''\n\n\t\t\t\t\tdata-wp-bind--aria-invalid='state.fieldAriaInvalid'\n\t\t\t\t\tdata-wp-bind--value='state.getFieldValue'\n\t\t\t\t\taria-describedby='g264446-email-email-error-message'\n\t\t\t\t\tdata-wp-on--input='actions.onFieldChange'\n\t\t\t\t\tdata-wp-on--blur='actions.onFieldBlur'\n\t\t\t\t\tdata-wp-class--has-value='state.hasFieldValue'\n\n\t\t\t\t\tclass='email  grunion-field' \n\t\t\t\t\trequired='true' aria-required='true'  \/>\n \n\t\t\t<div id=\"g264446-email-email-error\" class=\"contact-form__input-error\" data-wp-class--has-errors=\"state.fieldHasErrors\">\n\t\t\t\t<span class=\"contact-form__warning-icon\" aria-hidden=\"true\">\n\t\t\t\t\t<svg width=\"16\" height=\"16\" viewBox=\"0 0 16 16\" fill=\"none\" xmlns=\"http:\/\/www.w3.org\/2000\/svg\">\n\t\t\t\t\t\t<path d=\"M8.50015 11.6402H7.50015V10.6402H8.50015V11.6402Z\" \/>\n\t\t\t\t\t\t<path d=\"M7.50015 9.64018H8.50015V6.30684H7.50015V9.64018Z\" \/>\n\t\t\t\t\t\t<path fill-rule=\"evenodd\" clip-rule=\"evenodd\" d=\"M6.98331 3.0947C7.42933 2.30177 8.57096 2.30177 9.01698 3.09469L13.8771 11.7349C14.3145 12.5126 13.7525 13.4735 12.8602 13.4735H3.14004C2.24774 13.4735 1.68575 12.5126 2.12321 11.7349L6.98331 3.0947ZM8.14541 3.58496C8.08169 3.47168 7.9186 3.47168 7.85488 3.58496L2.99478 12.2251C2.93229 12.3362 3.01257 12.4735 3.14004 12.4735H12.8602C12.9877 12.4735 13.068 12.3362 13.0055 12.2251L8.14541 3.58496Z\" \/>\n\t\t\t\t\t<\/svg>\n\t\t\t\t<\/span>\n\t\t\t\t<span data-wp-text=\"state.errorMessage\" id=\"g264446-email-email-error-message\"><\/span>\n\t\t\t<\/div> \n\t<\/div>\n\n<div style=\"\"  data-wp-interactive=\"jetpack\/form\" data-wp-context='{\"fieldId\":\"g264446-ausujetdecepowercatamaran\",\"fieldType\":\"text\",\"fieldLabel\":\"Au sujet de ce Power Catamaran:\",\"fieldValue\":\"\",\"fieldPlaceholder\":\"\",\"fieldIsRequired\":\"\",\"fieldErrorMessage\":\"\",\"fieldExtra\":[],\"formHash\":\"160e5076ea10494cc89cc4b6229f2aae54f26a08\"}'  class='grunion-field-text-wrap grunion-field-wrap'  data-wp-init='callbacks.initializeField' data-wp-on--jetpack-form-reset='callbacks.initializeField' >\n<label\n\t\t\t\tfor='g264446-ausujetdecepowercatamaran' class=\"grunion-field-label text\" >Au sujet de ce Power Catamaran:<\/label>\n<input\n\t\t\t\t\ttype='text'\n\t\t\t\t\tname='g264446-ausujetdecepowercatamaran'\n\t\t\t\t\tid='g264446-ausujetdecepowercatamaran'\n\t\t\t\t\tvalue=''\n\n\t\t\t\t\tdata-wp-bind--aria-invalid='state.fieldAriaInvalid'\n\t\t\t\t\tdata-wp-bind--value='state.getFieldValue'\n\t\t\t\t\taria-describedby='g264446-ausujetdecepowercatamaran-text-error-message'\n\t\t\t\t\tdata-wp-on--input='actions.onFieldChange'\n\t\t\t\t\tdata-wp-on--blur='actions.onFieldBlur'\n\t\t\t\t\tdata-wp-class--has-value='state.hasFieldValue'\n\n\t\t\t\t\tclass='text  grunion-field' \n\t\t\t\t\t \/>\n \n\t\t\t<div id=\"g264446-ausujetdecepowercatamaran-text-error\" class=\"contact-form__input-error\" data-wp-class--has-errors=\"state.fieldHasErrors\">\n\t\t\t\t<span class=\"contact-form__warning-icon\" aria-hidden=\"true\">\n\t\t\t\t\t<svg width=\"16\" height=\"16\" viewBox=\"0 0 16 16\" fill=\"none\" xmlns=\"http:\/\/www.w3.org\/2000\/svg\">\n\t\t\t\t\t\t<path d=\"M8.50015 11.6402H7.50015V10.6402H8.50015V11.6402Z\" \/>\n\t\t\t\t\t\t<path d=\"M7.50015 9.64018H8.50015V6.30684H7.50015V9.64018Z\" \/>\n\t\t\t\t\t\t<path fill-rule=\"evenodd\" clip-rule=\"evenodd\" d=\"M6.98331 3.0947C7.42933 2.30177 8.57096 2.30177 9.01698 3.09469L13.8771 11.7349C14.3145 12.5126 13.7525 13.4735 12.8602 13.4735H3.14004C2.24774 13.4735 1.68575 12.5126 2.12321 11.7349L6.98331 3.0947ZM8.14541 3.58496C8.08169 3.47168 7.9186 3.47168 7.85488 3.58496L2.99478 12.2251C2.93229 12.3362 3.01257 12.4735 3.14004 12.4735H12.8602C12.9877 12.4735 13.068 12.3362 13.0055 12.2251L8.14541 3.58496Z\" \/>\n\t\t\t\t\t<\/svg>\n\t\t\t\t<\/span>\n\t\t\t\t<span data-wp-text=\"state.errorMessage\" id=\"g264446-ausujetdecepowercatamaran-text-error-message\"><\/span>\n\t\t\t<\/div> \n\t<\/div>\n\n<div style=\"\"  data-wp-interactive=\"jetpack\/form\" data-wp-context='{\"fieldId\":\"g264446-message\",\"fieldType\":\"textarea\",\"fieldLabel\":\"Message\",\"fieldValue\":\"\",\"fieldPlaceholder\":\"\",\"fieldIsRequired\":\"\",\"fieldErrorMessage\":\"\",\"fieldExtra\":[],\"formHash\":\"160e5076ea10494cc89cc4b6229f2aae54f26a08\"}'  class='grunion-field-textarea-wrap grunion-field-wrap'  data-wp-init='callbacks.initializeField' data-wp-on--jetpack-form-reset='callbacks.initializeField' >\n<label\n\t\t\t\tfor='contact-form-comment-g264446-message' class=\"grunion-field-label textarea\" >Message<\/label>\n<textarea\n\t\t                style=''\n\t\t                name='g264446-message'\n\t\t                id='contact-form-comment-g264446-message'\n\t\t                rows='20'\n\t\t\t\t\t\tdata-wp-text='state.getFieldValue'\n\t\t\t\t\t\tdata-wp-on--input='actions.onFieldChange'\n\t\t\t\t\t\tdata-wp-on--blur='actions.onFieldBlur'\n\t\t\t\t\t\tdata-wp-class--has-value='state.hasFieldValue'\n\t\t\t\t\t\taria-describedby='g264446-message-textarea-error-message'\n\t\t\t\t\t\tdata-wp-bind--aria-invalid='state.fieldAriaInvalid'\n\t\t\t\t\t\tclass='textarea  grunion-field'  ><\/textarea>\n \n\t\t\t<div id=\"g264446-message-textarea-error\" class=\"contact-form__input-error\" data-wp-class--has-errors=\"state.fieldHasErrors\">\n\t\t\t\t<span class=\"contact-form__warning-icon\" aria-hidden=\"true\">\n\t\t\t\t\t<svg width=\"16\" height=\"16\" viewBox=\"0 0 16 16\" fill=\"none\" xmlns=\"http:\/\/www.w3.org\/2000\/svg\">\n\t\t\t\t\t\t<path d=\"M8.50015 11.6402H7.50015V10.6402H8.50015V11.6402Z\" \/>\n\t\t\t\t\t\t<path d=\"M7.50015 9.64018H8.50015V6.30684H7.50015V9.64018Z\" \/>\n\t\t\t\t\t\t<path fill-rule=\"evenodd\" clip-rule=\"evenodd\" d=\"M6.98331 3.0947C7.42933 2.30177 8.57096 2.30177 9.01698 3.09469L13.8771 11.7349C14.3145 12.5126 13.7525 13.4735 12.8602 13.4735H3.14004C2.24774 13.4735 1.68575 12.5126 2.12321 11.7349L6.98331 3.0947ZM8.14541 3.58496C8.08169 3.47168 7.9186 3.47168 7.85488 3.58496L2.99478 12.2251C2.93229 12.3362 3.01257 12.4735 3.14004 12.4735H12.8602C12.9877 12.4735 13.068 12.3362 13.0055 12.2251L8.14541 3.58496Z\" \/>\n\t\t\t\t\t<\/svg>\n\t\t\t\t<\/span>\n\t\t\t\t<span data-wp-text=\"state.errorMessage\" id=\"g264446-message-textarea-error-message\"><\/span>\n\t\t\t<\/div>\n\t<\/div>\n\t<p class='contact-submit'>\n<div class=\"contact-form__error\" data-wp-class--show-errors=\"state.showFormErrors\"><span class=\"contact-form__warning-icon\" aria-hidden=\"true\"><i><\/i><\/span><span class=\"contact-form__error-message\" tabindex=\"-1\" data-wp-watch=\"callbacks.focusOnValidationError\" data-wp-text=\"state.getFormErrorMessage\"><\/span><ul aria-label=\"Erreurs de formulaire\">\n\t\t\t\t<template data-wp-each=\"state.getErrorList\" data-wp-key=\"context.item.id\">\n\t\t\t\t\t<li><a data-wp-bind--href=\"context.item.anchor\" data-wp-on--click=\"actions.scrollIntoView\" data-wp-text=\"context.item.label\"><\/a><\/li>\n\t\t\t\t<\/template>\n\t\t\t\t<\/ul><\/div><div class=\"contact-form__error\" data-wp-class--show-errors=\"state.showSubmissionError\" data-wp-text=\"context.submissionError\" tabindex=\"-1\" data-wp-watch=\"callbacks.focusOnSubmissionError\"><\/div>\t\t<button type='submit' class='pushbutton-wide'>Envoyer<\/button>\t\t<input type='hidden' name='contact-form-id' value='264446' \/>\n\t\t<input type='hidden' name='action' value='grunion-contact-form' \/>\n\t\t<input type='hidden' name='contact-form-hash' value='160e5076ea10494cc89cc4b6229f2aae54f26a08' \/>\n\t<\/p>\n<p style=\"display: none !important;\" class=\"akismet-fields-container\" data-prefix=\"ak_\"><label>&#916;<textarea name=\"ak_hp_textarea\" cols=\"45\" rows=\"8\" maxlength=\"100\"><\/textarea><\/label><input type=\"hidden\" id=\"ak_js_1\" name=\"ak_js\" value=\"156\"\/><script type=\"text\/javascript\">\n\/* <![CDATA[ *\/\ndocument.getElementById( \"ak_js_1\" ).setAttribute( \"value\", ( new Date() ).getTime() );\n\/* ]]> *\/\n<\/script>\n<\/p><\/form>\n<\/div>\n<p>&nbsp;<\/p>\n<p>&nbsp;<\/p>\n","protected":false},"excerpt":{"rendered":"<p>Aquila 54 2023 $1,699,000 usd \u00e0 vendre L&rsquo;Aquila 54 Yacht Power Catamaran incarne les caract\u00e9ristiques fiables et les m\u00e9thodes de construction des centaines de yachts et de bateaux Aquila qui naviguent sur les eaux du monde entier. Les propri\u00e9taires se r\u00e9jouiront des vues panoramiques qui remplissent la cabine principale de lumi\u00e8re naturelle \u00e0 travers les &hellip; <a href=\"https:\/\/itayachtscanada.com\/fr\/listing\/aquila-54-2023-1859000-usd-for-sale\/\" class=\"more-link\">Lire la suite <span class=\"screen-reader-text\">Aquila 54 2023 $1,699,000 usd \u00e0 vendre<\/span> <span class=\"meta-nav\">&rarr;<\/span><\/a><\/p>\n","protected":false},"author":119081455,"featured_media":264456,"parent":0,"menu_order":0,"comment_status":"open","ping_status":"open","template":"","format":"standard","meta":{"_coblocks_attr":"","_coblocks_dimensions":"","_coblocks_responsive_height":"","_coblocks_accordion_ie_support":"","_lmt_disableupdate":"no","_lmt_disable":"no","advanced_seo_description":"","jetpack_seo_html_title":"","jetpack_seo_noindex":false,"footnotes":""},"manufacturer":[6480],"prix":[6747],"years":[6465],"length_feet":[6587],"boat_type":[6483],"price_range":[6580],"localisations":[],"numyacht":[10428],"datevente":[10425,10558,10669,10928,11136,11240],"country":[10755],"states":[10770],"city":[10812],"fresh-water-boat":[10809],"broker":[],"migration":[10887],"class_list":["post-264446","listing","type-listing","status-publish","format-standard","has-post-thumbnail","hentry","manufacturer-aquila","prix-6747","years-6465","length_feet-between-50-and-59-feets","boat_type-catamaran-moteur","price_range-1500000-2999999","numyacht-10428","datevente-2025-06-06","datevente-2025-08-02","datevente-2025-09-28","datevente-2025-11-24","datevente-2026-01-23","datevente-2026-03-22","country-united-states","states-floride","city-fort-lauderdale","fresh-water-boat-non","migration-oui"],"translation":{"provider":"WPGlobus","version":"2.12.2","language":"fr","enabled_languages":["en","fr"],"languages":{"en":{"title":true,"content":true,"excerpt":false},"fr":{"title":true,"content":true,"excerpt":false}}},"jetpack_likes_enabled":true,"jetpack_sharing_enabled":true,"_links":{"self":[{"href":"https:\/\/itayachtscanada.com\/fr\/wp-json\/wp\/v2\/listing\/264446","targetHints":{"allow":["GET"]}}],"collection":[{"href":"https:\/\/itayachtscanada.com\/fr\/wp-json\/wp\/v2\/listing"}],"about":[{"href":"https:\/\/itayachtscanada.com\/fr\/wp-json\/wp\/v2\/types\/listing"}],"author":[{"embeddable":true,"href":"https:\/\/itayachtscanada.com\/fr\/wp-json\/wp\/v2\/users\/119081455"}],"replies":[{"embeddable":true,"href":"https:\/\/itayachtscanada.com\/fr\/wp-json\/wp\/v2\/comments?post=264446"}],"version-history":[{"count":18,"href":"https:\/\/itayachtscanada.com\/fr\/wp-json\/wp\/v2\/listing\/264446\/revisions"}],"predecessor-version":[{"id":300471,"href":"https:\/\/itayachtscanada.com\/fr\/wp-json\/wp\/v2\/listing\/264446\/revisions\/300471"}],"wp:featuredmedia":[{"embeddable":true,"href":"https:\/\/itayachtscanada.com\/fr\/wp-json\/wp\/v2\/media\/264456"}],"wp:attachment":[{"href":"https:\/\/itayachtscanada.com\/fr\/wp-json\/wp\/v2\/media?parent=264446"}],"wp:term":[{"taxonomy":"manufacturer","embeddable":true,"href":"https:\/\/itayachtscanada.com\/fr\/wp-json\/wp\/v2\/manufacturer?post=264446"},{"taxonomy":"prix","embeddable":true,"href":"https:\/\/itayachtscanada.com\/fr\/wp-json\/wp\/v2\/prix?post=264446"},{"taxonomy":"years","embeddable":true,"href":"https:\/\/itayachtscanada.com\/fr\/wp-json\/wp\/v2\/years?post=264446"},{"taxonomy":"length_feet","embeddable":true,"href":"https:\/\/itayachtscanada.com\/fr\/wp-json\/wp\/v2\/length_feet?post=264446"},{"taxonomy":"boat_type","embeddable":true,"href":"https:\/\/itayachtscanada.com\/fr\/wp-json\/wp\/v2\/boat_type?post=264446"},{"taxonomy":"price_range","embeddable":true,"href":"https:\/\/itayachtscanada.com\/fr\/wp-json\/wp\/v2\/price_range?post=264446"},{"taxonomy":"localisations","embeddable":true,"href":"https:\/\/itayachtscanada.com\/fr\/wp-json\/wp\/v2\/localisations?post=264446"},{"taxonomy":"numyacht","embeddable":true,"href":"https:\/\/itayachtscanada.com\/fr\/wp-json\/wp\/v2\/numyacht?post=264446"},{"taxonomy":"datevente","embeddable":true,"href":"https:\/\/itayachtscanada.com\/fr\/wp-json\/wp\/v2\/datevente?post=264446"},{"taxonomy":"country","embeddable":true,"href":"https:\/\/itayachtscanada.com\/fr\/wp-json\/wp\/v2\/country?post=264446"},{"taxonomy":"states","embeddable":true,"href":"https:\/\/itayachtscanada.com\/fr\/wp-json\/wp\/v2\/states?post=264446"},{"taxonomy":"city","embeddable":true,"href":"https:\/\/itayachtscanada.com\/fr\/wp-json\/wp\/v2\/city?post=264446"},{"taxonomy":"fresh-water-boat","embeddable":true,"href":"https:\/\/itayachtscanada.com\/fr\/wp-json\/wp\/v2\/fresh-water-boat?post=264446"},{"taxonomy":"broker","embeddable":true,"href":"https:\/\/itayachtscanada.com\/fr\/wp-json\/wp\/v2\/broker?post=264446"},{"taxonomy":"migration","embeddable":true,"href":"https:\/\/itayachtscanada.com\/fr\/wp-json\/wp\/v2\/migration?post=264446"}],"curies":[{"name":"wp","href":"https:\/\/api.w.org\/{rel}","templated":true}]}}