{"id":235459,"date":"2025-05-23T21:09:51","date_gmt":"2025-05-24T01:09:51","guid":{"rendered":"https:\/\/itayachtscanada.com\/?post_type=listing&#038;p=235459"},"modified":"2026-03-07T20:54:27","modified_gmt":"2026-03-08T01:54:27","slug":"iliad-53f-2026-2115000-usd-for-sale","status":"publish","type":"listing","link":"https:\/\/itayachtscanada.com\/fr\/listing\/iliad-53f-2026-2115000-usd-for-sale\/","title":{"rendered":"Iliad 53F 2026 $2,115,000 usd \u00e0 vendre"},"content":{"rendered":"<p><strong>Iliad 53F 2026 $2,115,000 usd \u00e0 vendre<\/strong><\/p>\n<p>Laur\u00e9at du prix du multicoque de l&rsquo;ann\u00e9e<\/p>\n<p>Les catamarans ILIAD sont connus pour avoir l&rsquo;un des plus grands d\u00e9gagements de pont et un franc-bord \u00e9lev\u00e9 pour les longues travers\u00e9es dans des conditions plus difficiles. Pr\u00eat pour votre prochaine aventure avec des packages moteurs optionnels, une autonomie de 2 500 NM, une plateforme arri\u00e8re \u00e0 \u00e9l\u00e9vation hydraulique, des finitions en teck, des traceurs Raymarine Axoim Pro, un grill \u00e9lectrique Kenyon Texan, une machine \u00e0 gla\u00e7ons Vitrifrigo, un dessalinisateur, et bien d&rsquo;autres caract\u00e9ristiques luxueuses.<\/p>\n<p>Si vous cherchez des alternatives \u00e0 Sunreef, Leopard, Lagoon, Horizon, Aquila, Two Oceans, Fountain Pajot, Long Reach, vous serez extr\u00eamement surpris par la qualit\u00e9 de notre construction, notre gamme et nos int\u00e9rieurs spacieux.<\/p>\n<p>Pr\u00e9sentation:<\/p>\n<p>Avec une hauteur sous pont exceptionnelle, des volumes exceptionnels et une autonomie remarquable, l&rsquo;ILIAD 53F est con\u00e7u pour vous permettre d&rsquo;aller plus loin avec style. Cet impressionnant yacht \u00e0 moteur dispose d&rsquo;am\u00e9nagements exceptionnels et d&rsquo;un espace de vie int\u00e9rieur fini avec un savoir-faire exquis et des appareils \u00e9lectrom\u00e9nagers de pointe. Les espaces ext\u00e9rieurs extraordinaires comprennent un cockpit spacieux et un remarquable flybridge qui \u00e9tablit une nouvelle r\u00e9f\u00e9rence en mati\u00e8re d&rsquo;utilisation de l&rsquo;espace, de caract\u00e9ristiques et de confort. L&rsquo;ILIAD 53F b\u00e9n\u00e9ficie d&rsquo;une abondance de rangements pour des passages prolong\u00e9s, et est en t\u00eate de sa cat\u00e9gorie avec une autonomie de croisi\u00e8re de 2 500 milles nautiques.<\/p>\n<p>Ce catamaran \u00e0 moteur ILIAD 53F est situ\u00e9 en Floride, veuillez nous contacter au 514-521-1221 pour tous les d\u00e9tails concernant ce catamaran ILIAD 53F, notre bureau est situ\u00e9 en banlieue de Montr\u00e9al.<\/p>\n<p>Dimensions<br \/>\nLongueur hors tout : 53 pi 7 po<br \/>\nLargeur : 25 pi<br \/>\nTirant d&rsquo;eau max : 4 pi 1 po<br \/>\nPoids<br \/>\nPoids \u00e0 sec : 60627 lb<br \/>\nVitesse<br \/>\nVitesse de croisi\u00e8re : 20 kn \u00e0 tr\/min<br \/>\nVitesse de coque : 24 kn \u00e0 tr\/min<br \/>\nAutonomie : 2500 nmi<br \/>\nR\u00e9servoirs<br \/>\nCarburant : (924 gal) aluminium<br \/>\nEau douce : (211 gal) aluminium<br \/>\nR\u00e9serve : (132 gal) aluminium<br \/>\nLogement<br \/>\nCabines invit\u00e9s : 3<br \/>\nSalles de bain invit\u00e9s : 3<br \/>\nAutres<br \/>\nGarantie de la coque : 5 ans<br \/>\nForme de la coque : Catamaran<br \/>\nTrim Tabs : Oui<\/p>\n<p>&nbsp;<\/p>\n<p>MOTEURS :<\/p>\n<p>Cummins (Moteur 1)<br \/>\nType de moteur : Inboard<br \/>\nType de carburant : Diesel<br \/>\nHeures du moteur : 0<br \/>\nPuissance : 440 hp<br \/>\nType d&rsquo;entra\u00eenement : Entra\u00eenement direct<\/p>\n<p>Cummins (Engine 2)<br \/>\nType de moteur : Inboard<br \/>\nType de carburant : Diesel<br \/>\nHeures de service du moteur : 0<br \/>\nPuissance : 440 hp<br \/>\nType d&rsquo;entra\u00eenement : Entra\u00eenement direct<\/p>\n<div>\n<div class=\"html-content-description\">\n<div class=\"content-box\">\n<div class=\"column-container cols-3\">\n<div class=\"column\">\n<div class=\"column-item\">\n<div class=\"content-box\">\n<div class=\"column-container cols-3\">\n<div class=\"column\">\n<div class=\"column-item\">\n<div><\/div>\n<div>\n<div class=\"tiled-gallery type-rectangular tiled-gallery-unresized\" data-original-width=\"700\" data-carousel-extra='{&quot;blog_id&quot;:1,&quot;permalink&quot;:&quot;https:\\\/\\\/itayachtscanada.com\\\/fr\\\/listing\\\/iliad-53f-2026-2115000-usd-for-sale\\\/&quot;,&quot;likes_blog_id&quot;:198557287}' itemscope itemtype=\"http:\/\/schema.org\/ImageGallery\" > <div class=\"gallery-row\" style=\"width: 700px; height: 321px;\" data-original-width=\"700\" data-original-height=\"321\" > <div class=\"gallery-group images-2\" style=\"width: 281px; height: 321px;\" data-original-width=\"281\" data-original-height=\"321\" > <div class=\"tiled-gallery-item tiled-gallery-item-large\" itemprop=\"associatedMedia\" itemscope itemtype=\"http:\/\/schema.org\/ImageObject\"> <a href=\"https:\/\/itayachtscanada.com\/fr\/listing\/iliad-53f-2026-2115000-usd-for-sale\/iliad-53f-2026\/\" border=\"0\" itemprop=\"url\"> <meta itemprop=\"width\" content=\"277\"> <meta itemprop=\"height\" content=\"157\"> <img decoding=\"async\" class=\"\" data-attachment-id=\"235509\" data-orig-file=\"https:\/\/itayachtscanada.com\/wp-content\/uploads\/2025\/05\/ILIAD-53F-2026.jpg\" data-orig-size=\"1734,980\" data-comments-opened=\"1\" data-image-meta=\"{&quot;aperture&quot;:&quot;0&quot;,&quot;credit&quot;:&quot;&quot;,&quot;camera&quot;:&quot;&quot;,&quot;caption&quot;:&quot;&quot;,&quot;created_timestamp&quot;:&quot;0&quot;,&quot;copyright&quot;:&quot;&quot;,&quot;focal_length&quot;:&quot;0&quot;,&quot;iso&quot;:&quot;0&quot;,&quot;shutter_speed&quot;:&quot;0&quot;,&quot;title&quot;:&quot;&quot;,&quot;orientation&quot;:&quot;0&quot;}\" data-image-title=\"ILIAD 53F 2026\" data-image-description=\"\" data-medium-file=\"https:\/\/i0.wp.com\/itayachtscanada.com\/wp-content\/uploads\/2025\/05\/ILIAD-53F-2026.jpg?fit=300%2C170&#038;ssl=1\" data-large-file=\"https:\/\/i0.wp.com\/itayachtscanada.com\/wp-content\/uploads\/2025\/05\/ILIAD-53F-2026.jpg?fit=700%2C396&#038;ssl=1\" src=\"https:\/\/i0.wp.com\/itayachtscanada.com\/wp-content\/uploads\/2025\/05\/ILIAD-53F-2026.jpg?w=277&#038;h=157&#038;ssl=1\" srcset=\"https:\/\/i0.wp.com\/itayachtscanada.com\/wp-content\/uploads\/2025\/05\/ILIAD-53F-2026.jpg?w=1734&amp;ssl=1 1734w, https:\/\/i0.wp.com\/itayachtscanada.com\/wp-content\/uploads\/2025\/05\/ILIAD-53F-2026.jpg?resize=300%2C170&amp;ssl=1 300w, https:\/\/i0.wp.com\/itayachtscanada.com\/wp-content\/uploads\/2025\/05\/ILIAD-53F-2026.jpg?resize=1024%2C579&amp;ssl=1 1024w, https:\/\/i0.wp.com\/itayachtscanada.com\/wp-content\/uploads\/2025\/05\/ILIAD-53F-2026.jpg?resize=768%2C434&amp;ssl=1 768w, https:\/\/i0.wp.com\/itayachtscanada.com\/wp-content\/uploads\/2025\/05\/ILIAD-53F-2026.jpg?resize=1536%2C868&amp;ssl=1 1536w, https:\/\/i0.wp.com\/itayachtscanada.com\/wp-content\/uploads\/2025\/05\/ILIAD-53F-2026.jpg?resize=700%2C396&amp;ssl=1 700w, https:\/\/i0.wp.com\/itayachtscanada.com\/wp-content\/uploads\/2025\/05\/ILIAD-53F-2026.jpg?resize=708%2C400&amp;ssl=1 708w, https:\/\/i0.wp.com\/itayachtscanada.com\/wp-content\/uploads\/2025\/05\/ILIAD-53F-2026.jpg?w=1400&amp;ssl=1 1400w\" width=\"277\" height=\"157\" loading=\"lazy\" data-original-width=\"277\" data-original-height=\"157\" itemprop=\"http:\/\/schema.org\/image\" title=\"ILIAD 53F 2026\" alt=\"ILIAD 53F 2026\" style=\"width: 277px; height: 157px;\" \/> <\/a> <\/div> <div class=\"tiled-gallery-item tiled-gallery-item-large\" itemprop=\"associatedMedia\" itemscope itemtype=\"http:\/\/schema.org\/ImageObject\"> <a href=\"https:\/\/itayachtscanada.com\/fr\/listing\/iliad-53f-2026-2115000-usd-for-sale\/iliad-53f-2026-running\/\" border=\"0\" itemprop=\"url\"> <meta itemprop=\"width\" content=\"277\"> <meta itemprop=\"height\" content=\"156\"> <img decoding=\"async\" class=\"\" data-attachment-id=\"235528\" data-orig-file=\"https:\/\/itayachtscanada.com\/wp-content\/uploads\/2025\/05\/ILIAD-53F-2026-RUNNING.jpg\" data-orig-size=\"1744,980\" data-comments-opened=\"1\" data-image-meta=\"{&quot;aperture&quot;:&quot;0&quot;,&quot;credit&quot;:&quot;&quot;,&quot;camera&quot;:&quot;&quot;,&quot;caption&quot;:&quot;&quot;,&quot;created_timestamp&quot;:&quot;0&quot;,&quot;copyright&quot;:&quot;&quot;,&quot;focal_length&quot;:&quot;0&quot;,&quot;iso&quot;:&quot;0&quot;,&quot;shutter_speed&quot;:&quot;0&quot;,&quot;title&quot;:&quot;&quot;,&quot;orientation&quot;:&quot;0&quot;}\" data-image-title=\"ILIAD 53F 2026 RUNNING\" data-image-description=\"\" data-medium-file=\"https:\/\/i0.wp.com\/itayachtscanada.com\/wp-content\/uploads\/2025\/05\/ILIAD-53F-2026-RUNNING.jpg?fit=300%2C169&#038;ssl=1\" data-large-file=\"https:\/\/i0.wp.com\/itayachtscanada.com\/wp-content\/uploads\/2025\/05\/ILIAD-53F-2026-RUNNING.jpg?fit=700%2C393&#038;ssl=1\" src=\"https:\/\/i0.wp.com\/itayachtscanada.com\/wp-content\/uploads\/2025\/05\/ILIAD-53F-2026-RUNNING.jpg?w=277&#038;h=156&#038;ssl=1\" srcset=\"https:\/\/i0.wp.com\/itayachtscanada.com\/wp-content\/uploads\/2025\/05\/ILIAD-53F-2026-RUNNING.jpg?w=1744&amp;ssl=1 1744w, https:\/\/i0.wp.com\/itayachtscanada.com\/wp-content\/uploads\/2025\/05\/ILIAD-53F-2026-RUNNING.jpg?resize=300%2C169&amp;ssl=1 300w, https:\/\/i0.wp.com\/itayachtscanada.com\/wp-content\/uploads\/2025\/05\/ILIAD-53F-2026-RUNNING.jpg?resize=1024%2C575&amp;ssl=1 1024w, https:\/\/i0.wp.com\/itayachtscanada.com\/wp-content\/uploads\/2025\/05\/ILIAD-53F-2026-RUNNING.jpg?resize=768%2C432&amp;ssl=1 768w, https:\/\/i0.wp.com\/itayachtscanada.com\/wp-content\/uploads\/2025\/05\/ILIAD-53F-2026-RUNNING.jpg?resize=1536%2C863&amp;ssl=1 1536w, https:\/\/i0.wp.com\/itayachtscanada.com\/wp-content\/uploads\/2025\/05\/ILIAD-53F-2026-RUNNING.jpg?resize=700%2C393&amp;ssl=1 700w, https:\/\/i0.wp.com\/itayachtscanada.com\/wp-content\/uploads\/2025\/05\/ILIAD-53F-2026-RUNNING.jpg?resize=712%2C400&amp;ssl=1 712w, https:\/\/i0.wp.com\/itayachtscanada.com\/wp-content\/uploads\/2025\/05\/ILIAD-53F-2026-RUNNING.jpg?w=1400&amp;ssl=1 1400w\" width=\"277\" height=\"156\" loading=\"lazy\" data-original-width=\"277\" data-original-height=\"156\" itemprop=\"http:\/\/schema.org\/image\" title=\"ILIAD 53F 2026 RUNNING\" alt=\"ILIAD 53F 2026 RUNNING\" style=\"width: 277px; height: 156px;\" \/> <\/a> <\/div> <\/div> <!-- close group --> <div class=\"gallery-group images-1\" style=\"width: 419px; height: 321px;\" data-original-width=\"419\" data-original-height=\"321\" > <div class=\"tiled-gallery-item tiled-gallery-item-large\" itemprop=\"associatedMedia\" itemscope itemtype=\"http:\/\/schema.org\/ImageObject\"> <a href=\"https:\/\/itayachtscanada.com\/fr\/listing\/iliad-53f-2026-2115000-usd-for-sale\/capture-decran-le-2025-05-23-a-20-42-02\/\" border=\"0\" itemprop=\"url\"> <meta itemprop=\"width\" content=\"415\"> <meta itemprop=\"height\" content=\"317\"> <img decoding=\"async\" class=\"\" data-attachment-id=\"235525\" data-orig-file=\"https:\/\/itayachtscanada.com\/wp-content\/uploads\/2025\/05\/Capture-decran-le-2025-05-23-a-20.42.02.jpg\" data-orig-size=\"1284,980\" data-comments-opened=\"1\" data-image-meta=\"{&quot;aperture&quot;:&quot;0&quot;,&quot;credit&quot;:&quot;&quot;,&quot;camera&quot;:&quot;&quot;,&quot;caption&quot;:&quot;&quot;,&quot;created_timestamp&quot;:&quot;0&quot;,&quot;copyright&quot;:&quot;&quot;,&quot;focal_length&quot;:&quot;0&quot;,&quot;iso&quot;:&quot;0&quot;,&quot;shutter_speed&quot;:&quot;0&quot;,&quot;title&quot;:&quot;&quot;,&quot;orientation&quot;:&quot;0&quot;}\" data-image-title=\"Capture d\u2019e\u0301cran, le 2025-05-23 a\u0300 20.42.02\" data-image-description=\"\" data-medium-file=\"https:\/\/i0.wp.com\/itayachtscanada.com\/wp-content\/uploads\/2025\/05\/Capture-decran-le-2025-05-23-a-20.42.02.jpg?fit=300%2C229&#038;ssl=1\" data-large-file=\"https:\/\/i0.wp.com\/itayachtscanada.com\/wp-content\/uploads\/2025\/05\/Capture-decran-le-2025-05-23-a-20.42.02.jpg?fit=700%2C535&#038;ssl=1\" src=\"https:\/\/i0.wp.com\/itayachtscanada.com\/wp-content\/uploads\/2025\/05\/Capture-decran-le-2025-05-23-a-20.42.02.jpg?w=415&#038;h=317&#038;ssl=1\" srcset=\"https:\/\/i0.wp.com\/itayachtscanada.com\/wp-content\/uploads\/2025\/05\/Capture-decran-le-2025-05-23-a-20.42.02.jpg?w=1284&amp;ssl=1 1284w, https:\/\/i0.wp.com\/itayachtscanada.com\/wp-content\/uploads\/2025\/05\/Capture-decran-le-2025-05-23-a-20.42.02.jpg?resize=300%2C229&amp;ssl=1 300w, https:\/\/i0.wp.com\/itayachtscanada.com\/wp-content\/uploads\/2025\/05\/Capture-decran-le-2025-05-23-a-20.42.02.jpg?resize=1024%2C782&amp;ssl=1 1024w, https:\/\/i0.wp.com\/itayachtscanada.com\/wp-content\/uploads\/2025\/05\/Capture-decran-le-2025-05-23-a-20.42.02.jpg?resize=768%2C586&amp;ssl=1 768w, https:\/\/i0.wp.com\/itayachtscanada.com\/wp-content\/uploads\/2025\/05\/Capture-decran-le-2025-05-23-a-20.42.02.jpg?resize=700%2C534&amp;ssl=1 700w, https:\/\/i0.wp.com\/itayachtscanada.com\/wp-content\/uploads\/2025\/05\/Capture-decran-le-2025-05-23-a-20.42.02.jpg?resize=524%2C400&amp;ssl=1 524w\" width=\"415\" height=\"317\" loading=\"lazy\" data-original-width=\"415\" data-original-height=\"317\" itemprop=\"http:\/\/schema.org\/image\" title=\"Capture d\u2019e\u0301cran, le 2025-05-23 a\u0300 20.42.02\" alt=\"Capture d\u2019e\u0301cran, le 2025-05-23 a\u0300 20.42.02\" style=\"width: 415px; height: 317px;\" \/> <\/a> <\/div> <\/div> <!-- close group --> <\/div> <!-- close row --> <div class=\"gallery-row\" style=\"width: 700px; height: 323px;\" data-original-width=\"700\" data-original-height=\"323\" > <div class=\"gallery-group images-2\" style=\"width: 243px; height: 323px;\" data-original-width=\"243\" data-original-height=\"323\" > <div class=\"tiled-gallery-item tiled-gallery-item-small\" itemprop=\"associatedMedia\" itemscope itemtype=\"http:\/\/schema.org\/ImageObject\"> <a href=\"https:\/\/itayachtscanada.com\/fr\/listing\/iliad-53f-2026-2115000-usd-for-sale\/iliad-53f-winner\/\" border=\"0\" itemprop=\"url\"> <meta itemprop=\"width\" content=\"239\"> <meta itemprop=\"height\" content=\"136\"> <img decoding=\"async\" class=\"\" data-attachment-id=\"235501\" data-orig-file=\"https:\/\/itayachtscanada.com\/wp-content\/uploads\/2025\/05\/ILIAD-53F-WINNER.jpg\" data-orig-size=\"1728,980\" data-comments-opened=\"1\" data-image-meta=\"{&quot;aperture&quot;:&quot;0&quot;,&quot;credit&quot;:&quot;&quot;,&quot;camera&quot;:&quot;&quot;,&quot;caption&quot;:&quot;&quot;,&quot;created_timestamp&quot;:&quot;0&quot;,&quot;copyright&quot;:&quot;&quot;,&quot;focal_length&quot;:&quot;0&quot;,&quot;iso&quot;:&quot;0&quot;,&quot;shutter_speed&quot;:&quot;0&quot;,&quot;title&quot;:&quot;&quot;,&quot;orientation&quot;:&quot;0&quot;}\" data-image-title=\"ILIAD 53F WINNER\" data-image-description=\"\" data-medium-file=\"https:\/\/i0.wp.com\/itayachtscanada.com\/wp-content\/uploads\/2025\/05\/ILIAD-53F-WINNER.jpg?fit=300%2C170&#038;ssl=1\" data-large-file=\"https:\/\/i0.wp.com\/itayachtscanada.com\/wp-content\/uploads\/2025\/05\/ILIAD-53F-WINNER.jpg?fit=700%2C397&#038;ssl=1\" src=\"https:\/\/i0.wp.com\/itayachtscanada.com\/wp-content\/uploads\/2025\/05\/ILIAD-53F-WINNER.jpg?w=239&#038;h=136&#038;ssl=1\" srcset=\"https:\/\/i0.wp.com\/itayachtscanada.com\/wp-content\/uploads\/2025\/05\/ILIAD-53F-WINNER.jpg?w=1728&amp;ssl=1 1728w, https:\/\/i0.wp.com\/itayachtscanada.com\/wp-content\/uploads\/2025\/05\/ILIAD-53F-WINNER.jpg?resize=300%2C170&amp;ssl=1 300w, https:\/\/i0.wp.com\/itayachtscanada.com\/wp-content\/uploads\/2025\/05\/ILIAD-53F-WINNER.jpg?resize=1024%2C581&amp;ssl=1 1024w, https:\/\/i0.wp.com\/itayachtscanada.com\/wp-content\/uploads\/2025\/05\/ILIAD-53F-WINNER.jpg?resize=768%2C436&amp;ssl=1 768w, https:\/\/i0.wp.com\/itayachtscanada.com\/wp-content\/uploads\/2025\/05\/ILIAD-53F-WINNER.jpg?resize=1536%2C871&amp;ssl=1 1536w, https:\/\/i0.wp.com\/itayachtscanada.com\/wp-content\/uploads\/2025\/05\/ILIAD-53F-WINNER.jpg?resize=700%2C397&amp;ssl=1 700w, https:\/\/i0.wp.com\/itayachtscanada.com\/wp-content\/uploads\/2025\/05\/ILIAD-53F-WINNER.jpg?resize=705%2C400&amp;ssl=1 705w, https:\/\/i0.wp.com\/itayachtscanada.com\/wp-content\/uploads\/2025\/05\/ILIAD-53F-WINNER.jpg?w=1400&amp;ssl=1 1400w\" width=\"239\" height=\"136\" loading=\"lazy\" data-original-width=\"239\" data-original-height=\"136\" itemprop=\"http:\/\/schema.org\/image\" title=\"ILIAD 53F WINNER\" alt=\"ILIAD 53F WINNER\" style=\"width: 239px; height: 136px;\" \/> <\/a> <\/div> <div class=\"tiled-gallery-item tiled-gallery-item-small\" itemprop=\"associatedMedia\" itemscope itemtype=\"http:\/\/schema.org\/ImageObject\"> <a href=\"https:\/\/itayachtscanada.com\/fr\/listing\/iliad-53f-2026-2115000-usd-for-sale\/capture-decran-le-2025-05-23-a-20-43-26\/\" border=\"0\" itemprop=\"url\"> <meta itemprop=\"width\" content=\"239\"> <meta itemprop=\"height\" content=\"179\"> <img decoding=\"async\" class=\"\" data-attachment-id=\"235511\" data-orig-file=\"https:\/\/itayachtscanada.com\/wp-content\/uploads\/2025\/05\/Capture-decran-le-2025-05-23-a-20.43.26.jpg\" data-orig-size=\"1306,980\" data-comments-opened=\"1\" data-image-meta=\"{&quot;aperture&quot;:&quot;0&quot;,&quot;credit&quot;:&quot;&quot;,&quot;camera&quot;:&quot;&quot;,&quot;caption&quot;:&quot;&quot;,&quot;created_timestamp&quot;:&quot;0&quot;,&quot;copyright&quot;:&quot;&quot;,&quot;focal_length&quot;:&quot;0&quot;,&quot;iso&quot;:&quot;0&quot;,&quot;shutter_speed&quot;:&quot;0&quot;,&quot;title&quot;:&quot;&quot;,&quot;orientation&quot;:&quot;0&quot;}\" data-image-title=\"Capture d\u2019e\u0301cran, le 2025-05-23 a\u0300 20.43.26\" data-image-description=\"\" data-medium-file=\"https:\/\/i0.wp.com\/itayachtscanada.com\/wp-content\/uploads\/2025\/05\/Capture-decran-le-2025-05-23-a-20.43.26.jpg?fit=300%2C225&#038;ssl=1\" data-large-file=\"https:\/\/i0.wp.com\/itayachtscanada.com\/wp-content\/uploads\/2025\/05\/Capture-decran-le-2025-05-23-a-20.43.26.jpg?fit=700%2C525&#038;ssl=1\" src=\"https:\/\/i0.wp.com\/itayachtscanada.com\/wp-content\/uploads\/2025\/05\/Capture-decran-le-2025-05-23-a-20.43.26.jpg?w=239&#038;h=179&#038;ssl=1\" srcset=\"https:\/\/i0.wp.com\/itayachtscanada.com\/wp-content\/uploads\/2025\/05\/Capture-decran-le-2025-05-23-a-20.43.26.jpg?w=1306&amp;ssl=1 1306w, https:\/\/i0.wp.com\/itayachtscanada.com\/wp-content\/uploads\/2025\/05\/Capture-decran-le-2025-05-23-a-20.43.26.jpg?resize=300%2C225&amp;ssl=1 300w, https:\/\/i0.wp.com\/itayachtscanada.com\/wp-content\/uploads\/2025\/05\/Capture-decran-le-2025-05-23-a-20.43.26.jpg?resize=1024%2C768&amp;ssl=1 1024w, https:\/\/i0.wp.com\/itayachtscanada.com\/wp-content\/uploads\/2025\/05\/Capture-decran-le-2025-05-23-a-20.43.26.jpg?resize=768%2C576&amp;ssl=1 768w, https:\/\/i0.wp.com\/itayachtscanada.com\/wp-content\/uploads\/2025\/05\/Capture-decran-le-2025-05-23-a-20.43.26.jpg?resize=700%2C525&amp;ssl=1 700w, https:\/\/i0.wp.com\/itayachtscanada.com\/wp-content\/uploads\/2025\/05\/Capture-decran-le-2025-05-23-a-20.43.26.jpg?resize=533%2C400&amp;ssl=1 533w\" width=\"239\" height=\"179\" loading=\"lazy\" data-original-width=\"239\" data-original-height=\"179\" itemprop=\"http:\/\/schema.org\/image\" title=\"Capture d\u2019e\u0301cran, le 2025-05-23 a\u0300 20.43.26\" alt=\"Capture d\u2019e\u0301cran, le 2025-05-23 a\u0300 20.43.26\" style=\"width: 239px; height: 179px;\" \/> <\/a> <\/div> <\/div> <!-- close group --> <div class=\"gallery-group images-1\" style=\"width: 242px; height: 323px;\" data-original-width=\"242\" data-original-height=\"323\" > <div class=\"tiled-gallery-item tiled-gallery-item-small\" itemprop=\"associatedMedia\" itemscope itemtype=\"http:\/\/schema.org\/ImageObject\"> <a href=\"https:\/\/itayachtscanada.com\/fr\/listing\/iliad-53f-2026-2115000-usd-for-sale\/capture-decran-le-2025-05-23-a-20-42-10\/\" border=\"0\" itemprop=\"url\"> <meta itemprop=\"width\" content=\"238\"> <meta itemprop=\"height\" content=\"319\"> <img decoding=\"async\" class=\"\" data-attachment-id=\"235524\" data-orig-file=\"https:\/\/itayachtscanada.com\/wp-content\/uploads\/2025\/05\/Capture-decran-le-2025-05-23-a-20.42.10.jpg\" data-orig-size=\"732,980\" data-comments-opened=\"1\" data-image-meta=\"{&quot;aperture&quot;:&quot;0&quot;,&quot;credit&quot;:&quot;&quot;,&quot;camera&quot;:&quot;&quot;,&quot;caption&quot;:&quot;&quot;,&quot;created_timestamp&quot;:&quot;0&quot;,&quot;copyright&quot;:&quot;&quot;,&quot;focal_length&quot;:&quot;0&quot;,&quot;iso&quot;:&quot;0&quot;,&quot;shutter_speed&quot;:&quot;0&quot;,&quot;title&quot;:&quot;&quot;,&quot;orientation&quot;:&quot;0&quot;}\" data-image-title=\"Capture d\u2019e\u0301cran, le 2025-05-23 a\u0300 20.42.10\" data-image-description=\"\" data-medium-file=\"https:\/\/i0.wp.com\/itayachtscanada.com\/wp-content\/uploads\/2025\/05\/Capture-decran-le-2025-05-23-a-20.42.10.jpg?fit=224%2C300&#038;ssl=1\" data-large-file=\"https:\/\/i0.wp.com\/itayachtscanada.com\/wp-content\/uploads\/2025\/05\/Capture-decran-le-2025-05-23-a-20.42.10.jpg?fit=700%2C937&#038;ssl=1\" src=\"https:\/\/i0.wp.com\/itayachtscanada.com\/wp-content\/uploads\/2025\/05\/Capture-decran-le-2025-05-23-a-20.42.10.jpg?w=238&#038;h=319&#038;ssl=1\" srcset=\"https:\/\/i0.wp.com\/itayachtscanada.com\/wp-content\/uploads\/2025\/05\/Capture-decran-le-2025-05-23-a-20.42.10.jpg?w=732&amp;ssl=1 732w, https:\/\/i0.wp.com\/itayachtscanada.com\/wp-content\/uploads\/2025\/05\/Capture-decran-le-2025-05-23-a-20.42.10.jpg?resize=224%2C300&amp;ssl=1 224w, https:\/\/i0.wp.com\/itayachtscanada.com\/wp-content\/uploads\/2025\/05\/Capture-decran-le-2025-05-23-a-20.42.10.jpg?resize=700%2C937&amp;ssl=1 700w, https:\/\/i0.wp.com\/itayachtscanada.com\/wp-content\/uploads\/2025\/05\/Capture-decran-le-2025-05-23-a-20.42.10.jpg?resize=299%2C400&amp;ssl=1 299w\" width=\"238\" height=\"319\" loading=\"lazy\" data-original-width=\"238\" data-original-height=\"319\" itemprop=\"http:\/\/schema.org\/image\" title=\"Capture d\u2019e\u0301cran, le 2025-05-23 a\u0300 20.42.10\" alt=\"Capture d\u2019e\u0301cran, le 2025-05-23 a\u0300 20.42.10\" style=\"width: 238px; height: 319px;\" \/> <\/a> <\/div> <\/div> <!-- close group --> <div class=\"gallery-group images-2\" style=\"width: 215px; height: 323px;\" data-original-width=\"215\" data-original-height=\"323\" > <div class=\"tiled-gallery-item tiled-gallery-item-small\" itemprop=\"associatedMedia\" itemscope itemtype=\"http:\/\/schema.org\/ImageObject\"> <a href=\"https:\/\/itayachtscanada.com\/fr\/listing\/iliad-53f-2026-2115000-usd-for-sale\/capture-decran-le-2025-05-23-a-20-43-55\/\" border=\"0\" itemprop=\"url\"> <meta itemprop=\"width\" content=\"211\"> <meta itemprop=\"height\" content=\"158\"> <img decoding=\"async\" class=\"\" data-attachment-id=\"235507\" data-orig-file=\"https:\/\/itayachtscanada.com\/wp-content\/uploads\/2025\/05\/Capture-decran-le-2025-05-23-a-20.43.55.jpg\" data-orig-size=\"1310,980\" data-comments-opened=\"1\" data-image-meta=\"{&quot;aperture&quot;:&quot;0&quot;,&quot;credit&quot;:&quot;&quot;,&quot;camera&quot;:&quot;&quot;,&quot;caption&quot;:&quot;&quot;,&quot;created_timestamp&quot;:&quot;0&quot;,&quot;copyright&quot;:&quot;&quot;,&quot;focal_length&quot;:&quot;0&quot;,&quot;iso&quot;:&quot;0&quot;,&quot;shutter_speed&quot;:&quot;0&quot;,&quot;title&quot;:&quot;&quot;,&quot;orientation&quot;:&quot;0&quot;}\" data-image-title=\"Capture d\u2019e\u0301cran, le 2025-05-23 a\u0300 20.43.55\" data-image-description=\"\" data-medium-file=\"https:\/\/i0.wp.com\/itayachtscanada.com\/wp-content\/uploads\/2025\/05\/Capture-decran-le-2025-05-23-a-20.43.55.jpg?fit=300%2C224&#038;ssl=1\" data-large-file=\"https:\/\/i0.wp.com\/itayachtscanada.com\/wp-content\/uploads\/2025\/05\/Capture-decran-le-2025-05-23-a-20.43.55.jpg?fit=700%2C524&#038;ssl=1\" src=\"https:\/\/i0.wp.com\/itayachtscanada.com\/wp-content\/uploads\/2025\/05\/Capture-decran-le-2025-05-23-a-20.43.55.jpg?w=211&#038;h=158&#038;ssl=1\" srcset=\"https:\/\/i0.wp.com\/itayachtscanada.com\/wp-content\/uploads\/2025\/05\/Capture-decran-le-2025-05-23-a-20.43.55.jpg?w=1310&amp;ssl=1 1310w, https:\/\/i0.wp.com\/itayachtscanada.com\/wp-content\/uploads\/2025\/05\/Capture-decran-le-2025-05-23-a-20.43.55.jpg?resize=300%2C224&amp;ssl=1 300w, https:\/\/i0.wp.com\/itayachtscanada.com\/wp-content\/uploads\/2025\/05\/Capture-decran-le-2025-05-23-a-20.43.55.jpg?resize=1024%2C766&amp;ssl=1 1024w, https:\/\/i0.wp.com\/itayachtscanada.com\/wp-content\/uploads\/2025\/05\/Capture-decran-le-2025-05-23-a-20.43.55.jpg?resize=768%2C575&amp;ssl=1 768w, https:\/\/i0.wp.com\/itayachtscanada.com\/wp-content\/uploads\/2025\/05\/Capture-decran-le-2025-05-23-a-20.43.55.jpg?resize=700%2C524&amp;ssl=1 700w, https:\/\/i0.wp.com\/itayachtscanada.com\/wp-content\/uploads\/2025\/05\/Capture-decran-le-2025-05-23-a-20.43.55.jpg?resize=535%2C400&amp;ssl=1 535w\" width=\"211\" height=\"158\" loading=\"lazy\" data-original-width=\"211\" data-original-height=\"158\" itemprop=\"http:\/\/schema.org\/image\" title=\"Capture d\u2019e\u0301cran, le 2025-05-23 a\u0300 20.43.55\" alt=\"Capture d\u2019e\u0301cran, le 2025-05-23 a\u0300 20.43.55\" style=\"width: 211px; height: 158px;\" \/> <\/a> <\/div> <div class=\"tiled-gallery-item tiled-gallery-item-small\" itemprop=\"associatedMedia\" itemscope itemtype=\"http:\/\/schema.org\/ImageObject\"> <a href=\"https:\/\/itayachtscanada.com\/fr\/listing\/iliad-53f-2026-2115000-usd-for-sale\/capture-decran-le-2025-05-23-a-20-43-47\/\" border=\"0\" itemprop=\"url\"> <meta itemprop=\"width\" content=\"211\"> <meta itemprop=\"height\" content=\"157\"> <img decoding=\"async\" class=\"\" data-attachment-id=\"235508\" data-orig-file=\"https:\/\/itayachtscanada.com\/wp-content\/uploads\/2025\/05\/Capture-decran-le-2025-05-23-a-20.43.47.jpg\" data-orig-size=\"1310,980\" data-comments-opened=\"1\" data-image-meta=\"{&quot;aperture&quot;:&quot;0&quot;,&quot;credit&quot;:&quot;&quot;,&quot;camera&quot;:&quot;&quot;,&quot;caption&quot;:&quot;&quot;,&quot;created_timestamp&quot;:&quot;0&quot;,&quot;copyright&quot;:&quot;&quot;,&quot;focal_length&quot;:&quot;0&quot;,&quot;iso&quot;:&quot;0&quot;,&quot;shutter_speed&quot;:&quot;0&quot;,&quot;title&quot;:&quot;&quot;,&quot;orientation&quot;:&quot;0&quot;}\" data-image-title=\"Capture d\u2019e\u0301cran, le 2025-05-23 a\u0300 20.43.47\" data-image-description=\"\" data-medium-file=\"https:\/\/i0.wp.com\/itayachtscanada.com\/wp-content\/uploads\/2025\/05\/Capture-decran-le-2025-05-23-a-20.43.47.jpg?fit=300%2C224&#038;ssl=1\" data-large-file=\"https:\/\/i0.wp.com\/itayachtscanada.com\/wp-content\/uploads\/2025\/05\/Capture-decran-le-2025-05-23-a-20.43.47.jpg?fit=700%2C524&#038;ssl=1\" src=\"https:\/\/i0.wp.com\/itayachtscanada.com\/wp-content\/uploads\/2025\/05\/Capture-decran-le-2025-05-23-a-20.43.47.jpg?w=211&#038;h=157&#038;ssl=1\" srcset=\"https:\/\/i0.wp.com\/itayachtscanada.com\/wp-content\/uploads\/2025\/05\/Capture-decran-le-2025-05-23-a-20.43.47.jpg?w=1310&amp;ssl=1 1310w, https:\/\/i0.wp.com\/itayachtscanada.com\/wp-content\/uploads\/2025\/05\/Capture-decran-le-2025-05-23-a-20.43.47.jpg?resize=300%2C224&amp;ssl=1 300w, https:\/\/i0.wp.com\/itayachtscanada.com\/wp-content\/uploads\/2025\/05\/Capture-decran-le-2025-05-23-a-20.43.47.jpg?resize=1024%2C766&amp;ssl=1 1024w, https:\/\/i0.wp.com\/itayachtscanada.com\/wp-content\/uploads\/2025\/05\/Capture-decran-le-2025-05-23-a-20.43.47.jpg?resize=768%2C575&amp;ssl=1 768w, https:\/\/i0.wp.com\/itayachtscanada.com\/wp-content\/uploads\/2025\/05\/Capture-decran-le-2025-05-23-a-20.43.47.jpg?resize=700%2C524&amp;ssl=1 700w, https:\/\/i0.wp.com\/itayachtscanada.com\/wp-content\/uploads\/2025\/05\/Capture-decran-le-2025-05-23-a-20.43.47.jpg?resize=535%2C400&amp;ssl=1 535w\" width=\"211\" height=\"157\" loading=\"lazy\" data-original-width=\"211\" data-original-height=\"157\" itemprop=\"http:\/\/schema.org\/image\" title=\"Capture d\u2019e\u0301cran, le 2025-05-23 a\u0300 20.43.47\" alt=\"Capture d\u2019e\u0301cran, le 2025-05-23 a\u0300 20.43.47\" style=\"width: 211px; height: 157px;\" \/> <\/a> <\/div> <\/div> <!-- close group --> <\/div> <!-- close row --> <div class=\"gallery-row\" style=\"width: 700px; height: 340px;\" data-original-width=\"700\" data-original-height=\"340\" > <div class=\"gallery-group images-1\" style=\"width: 452px; height: 340px;\" data-original-width=\"452\" data-original-height=\"340\" > <div class=\"tiled-gallery-item tiled-gallery-item-large\" itemprop=\"associatedMedia\" itemscope itemtype=\"http:\/\/schema.org\/ImageObject\"> <a href=\"https:\/\/itayachtscanada.com\/fr\/listing\/iliad-53f-2026-2115000-usd-for-sale\/capture-decran-le-2025-05-23-a-20-43-34\/\" border=\"0\" itemprop=\"url\"> <meta itemprop=\"width\" content=\"448\"> <meta itemprop=\"height\" content=\"336\"> <img decoding=\"async\" class=\"\" data-attachment-id=\"235510\" data-orig-file=\"https:\/\/itayachtscanada.com\/wp-content\/uploads\/2025\/05\/Capture-decran-le-2025-05-23-a-20.43.34.jpg\" data-orig-size=\"1306,980\" data-comments-opened=\"1\" data-image-meta=\"{&quot;aperture&quot;:&quot;0&quot;,&quot;credit&quot;:&quot;&quot;,&quot;camera&quot;:&quot;&quot;,&quot;caption&quot;:&quot;&quot;,&quot;created_timestamp&quot;:&quot;0&quot;,&quot;copyright&quot;:&quot;&quot;,&quot;focal_length&quot;:&quot;0&quot;,&quot;iso&quot;:&quot;0&quot;,&quot;shutter_speed&quot;:&quot;0&quot;,&quot;title&quot;:&quot;&quot;,&quot;orientation&quot;:&quot;0&quot;}\" data-image-title=\"Capture d\u2019e\u0301cran, le 2025-05-23 a\u0300 20.43.34\" data-image-description=\"\" data-medium-file=\"https:\/\/i0.wp.com\/itayachtscanada.com\/wp-content\/uploads\/2025\/05\/Capture-decran-le-2025-05-23-a-20.43.34.jpg?fit=300%2C225&#038;ssl=1\" data-large-file=\"https:\/\/i0.wp.com\/itayachtscanada.com\/wp-content\/uploads\/2025\/05\/Capture-decran-le-2025-05-23-a-20.43.34.jpg?fit=700%2C525&#038;ssl=1\" src=\"https:\/\/i0.wp.com\/itayachtscanada.com\/wp-content\/uploads\/2025\/05\/Capture-decran-le-2025-05-23-a-20.43.34.jpg?w=448&#038;h=336&#038;ssl=1\" srcset=\"https:\/\/i0.wp.com\/itayachtscanada.com\/wp-content\/uploads\/2025\/05\/Capture-decran-le-2025-05-23-a-20.43.34.jpg?w=1306&amp;ssl=1 1306w, https:\/\/i0.wp.com\/itayachtscanada.com\/wp-content\/uploads\/2025\/05\/Capture-decran-le-2025-05-23-a-20.43.34.jpg?resize=300%2C225&amp;ssl=1 300w, https:\/\/i0.wp.com\/itayachtscanada.com\/wp-content\/uploads\/2025\/05\/Capture-decran-le-2025-05-23-a-20.43.34.jpg?resize=1024%2C768&amp;ssl=1 1024w, https:\/\/i0.wp.com\/itayachtscanada.com\/wp-content\/uploads\/2025\/05\/Capture-decran-le-2025-05-23-a-20.43.34.jpg?resize=768%2C576&amp;ssl=1 768w, https:\/\/i0.wp.com\/itayachtscanada.com\/wp-content\/uploads\/2025\/05\/Capture-decran-le-2025-05-23-a-20.43.34.jpg?resize=700%2C525&amp;ssl=1 700w, https:\/\/i0.wp.com\/itayachtscanada.com\/wp-content\/uploads\/2025\/05\/Capture-decran-le-2025-05-23-a-20.43.34.jpg?resize=533%2C400&amp;ssl=1 533w\" width=\"448\" height=\"336\" loading=\"lazy\" data-original-width=\"448\" data-original-height=\"336\" itemprop=\"http:\/\/schema.org\/image\" title=\"Capture d\u2019e\u0301cran, le 2025-05-23 a\u0300 20.43.34\" alt=\"Capture d\u2019e\u0301cran, le 2025-05-23 a\u0300 20.43.34\" style=\"width: 448px; height: 336px;\" \/> <\/a> <\/div> <\/div> <!-- close group --> <div class=\"gallery-group images-1\" style=\"width: 248px; height: 340px;\" data-original-width=\"248\" data-original-height=\"340\" > <div class=\"tiled-gallery-item tiled-gallery-item-small\" itemprop=\"associatedMedia\" itemscope itemtype=\"http:\/\/schema.org\/ImageObject\"> <a href=\"https:\/\/itayachtscanada.com\/fr\/listing\/iliad-53f-2026-2115000-usd-for-sale\/capture-decran-le-2025-05-23-a-20-41-53\/\" border=\"0\" itemprop=\"url\"> <meta itemprop=\"width\" content=\"244\"> <meta itemprop=\"height\" content=\"336\"> <img decoding=\"async\" class=\"\" data-attachment-id=\"235526\" data-orig-file=\"https:\/\/itayachtscanada.com\/wp-content\/uploads\/2025\/05\/Capture-decran-le-2025-05-23-a-20.41.53.jpg\" data-orig-size=\"710,980\" data-comments-opened=\"1\" data-image-meta=\"{&quot;aperture&quot;:&quot;0&quot;,&quot;credit&quot;:&quot;&quot;,&quot;camera&quot;:&quot;&quot;,&quot;caption&quot;:&quot;&quot;,&quot;created_timestamp&quot;:&quot;0&quot;,&quot;copyright&quot;:&quot;&quot;,&quot;focal_length&quot;:&quot;0&quot;,&quot;iso&quot;:&quot;0&quot;,&quot;shutter_speed&quot;:&quot;0&quot;,&quot;title&quot;:&quot;&quot;,&quot;orientation&quot;:&quot;0&quot;}\" data-image-title=\"Capture d\u2019e\u0301cran, le 2025-05-23 a\u0300 20.41.53\" data-image-description=\"\" data-medium-file=\"https:\/\/i0.wp.com\/itayachtscanada.com\/wp-content\/uploads\/2025\/05\/Capture-decran-le-2025-05-23-a-20.41.53.jpg?fit=217%2C300&#038;ssl=1\" data-large-file=\"https:\/\/i0.wp.com\/itayachtscanada.com\/wp-content\/uploads\/2025\/05\/Capture-decran-le-2025-05-23-a-20.41.53.jpg?fit=700%2C966&#038;ssl=1\" src=\"https:\/\/i0.wp.com\/itayachtscanada.com\/wp-content\/uploads\/2025\/05\/Capture-decran-le-2025-05-23-a-20.41.53.jpg?w=244&#038;h=336&#038;ssl=1\" srcset=\"https:\/\/i0.wp.com\/itayachtscanada.com\/wp-content\/uploads\/2025\/05\/Capture-decran-le-2025-05-23-a-20.41.53.jpg?w=710&amp;ssl=1 710w, https:\/\/i0.wp.com\/itayachtscanada.com\/wp-content\/uploads\/2025\/05\/Capture-decran-le-2025-05-23-a-20.41.53.jpg?resize=217%2C300&amp;ssl=1 217w, https:\/\/i0.wp.com\/itayachtscanada.com\/wp-content\/uploads\/2025\/05\/Capture-decran-le-2025-05-23-a-20.41.53.jpg?resize=700%2C966&amp;ssl=1 700w, https:\/\/i0.wp.com\/itayachtscanada.com\/wp-content\/uploads\/2025\/05\/Capture-decran-le-2025-05-23-a-20.41.53.jpg?resize=290%2C400&amp;ssl=1 290w\" width=\"244\" height=\"336\" loading=\"lazy\" data-original-width=\"244\" data-original-height=\"336\" itemprop=\"http:\/\/schema.org\/image\" title=\"Capture d\u2019e\u0301cran, le 2025-05-23 a\u0300 20.41.53\" alt=\"Capture d\u2019e\u0301cran, le 2025-05-23 a\u0300 20.41.53\" style=\"width: 244px; height: 336px;\" \/> <\/a> <\/div> <\/div> <!-- close group --> <\/div> <!-- close row --> <div class=\"gallery-row\" style=\"width: 700px; height: 319px;\" data-original-width=\"700\" data-original-height=\"319\" > <div class=\"gallery-group images-1\" style=\"width: 425px; height: 319px;\" data-original-width=\"425\" data-original-height=\"319\" > <div class=\"tiled-gallery-item tiled-gallery-item-large\" itemprop=\"associatedMedia\" itemscope itemtype=\"http:\/\/schema.org\/ImageObject\"> <a href=\"https:\/\/itayachtscanada.com\/fr\/listing\/iliad-53f-2026-2115000-usd-for-sale\/capture-decran-le-2025-05-23-a-20-44-16\/\" border=\"0\" itemprop=\"url\"> <meta itemprop=\"width\" content=\"421\"> <meta itemprop=\"height\" content=\"315\"> <img decoding=\"async\" class=\"\" data-attachment-id=\"235503\" data-orig-file=\"https:\/\/itayachtscanada.com\/wp-content\/uploads\/2025\/05\/Capture-decran-le-2025-05-23-a-20.44.16.jpg\" data-orig-size=\"1310,980\" data-comments-opened=\"1\" data-image-meta=\"{&quot;aperture&quot;:&quot;0&quot;,&quot;credit&quot;:&quot;&quot;,&quot;camera&quot;:&quot;&quot;,&quot;caption&quot;:&quot;&quot;,&quot;created_timestamp&quot;:&quot;0&quot;,&quot;copyright&quot;:&quot;&quot;,&quot;focal_length&quot;:&quot;0&quot;,&quot;iso&quot;:&quot;0&quot;,&quot;shutter_speed&quot;:&quot;0&quot;,&quot;title&quot;:&quot;&quot;,&quot;orientation&quot;:&quot;0&quot;}\" data-image-title=\"Capture d\u2019e\u0301cran, le 2025-05-23 a\u0300 20.44.16\" data-image-description=\"\" data-medium-file=\"https:\/\/i0.wp.com\/itayachtscanada.com\/wp-content\/uploads\/2025\/05\/Capture-decran-le-2025-05-23-a-20.44.16.jpg?fit=300%2C224&#038;ssl=1\" data-large-file=\"https:\/\/i0.wp.com\/itayachtscanada.com\/wp-content\/uploads\/2025\/05\/Capture-decran-le-2025-05-23-a-20.44.16.jpg?fit=700%2C524&#038;ssl=1\" src=\"https:\/\/i0.wp.com\/itayachtscanada.com\/wp-content\/uploads\/2025\/05\/Capture-decran-le-2025-05-23-a-20.44.16.jpg?w=421&#038;h=315&#038;ssl=1\" srcset=\"https:\/\/i0.wp.com\/itayachtscanada.com\/wp-content\/uploads\/2025\/05\/Capture-decran-le-2025-05-23-a-20.44.16.jpg?w=1310&amp;ssl=1 1310w, https:\/\/i0.wp.com\/itayachtscanada.com\/wp-content\/uploads\/2025\/05\/Capture-decran-le-2025-05-23-a-20.44.16.jpg?resize=300%2C224&amp;ssl=1 300w, https:\/\/i0.wp.com\/itayachtscanada.com\/wp-content\/uploads\/2025\/05\/Capture-decran-le-2025-05-23-a-20.44.16.jpg?resize=1024%2C766&amp;ssl=1 1024w, https:\/\/i0.wp.com\/itayachtscanada.com\/wp-content\/uploads\/2025\/05\/Capture-decran-le-2025-05-23-a-20.44.16.jpg?resize=768%2C575&amp;ssl=1 768w, https:\/\/i0.wp.com\/itayachtscanada.com\/wp-content\/uploads\/2025\/05\/Capture-decran-le-2025-05-23-a-20.44.16.jpg?resize=700%2C524&amp;ssl=1 700w, https:\/\/i0.wp.com\/itayachtscanada.com\/wp-content\/uploads\/2025\/05\/Capture-decran-le-2025-05-23-a-20.44.16.jpg?resize=535%2C400&amp;ssl=1 535w\" width=\"421\" height=\"315\" loading=\"lazy\" data-original-width=\"421\" data-original-height=\"315\" itemprop=\"http:\/\/schema.org\/image\" title=\"Capture d\u2019e\u0301cran, le 2025-05-23 a\u0300 20.44.16\" alt=\"Capture d\u2019e\u0301cran, le 2025-05-23 a\u0300 20.44.16\" style=\"width: 421px; height: 315px;\" \/> <\/a> <\/div> <\/div> <!-- close group --> <div class=\"gallery-group images-2\" style=\"width: 275px; height: 319px;\" data-original-width=\"275\" data-original-height=\"319\" > <div class=\"tiled-gallery-item tiled-gallery-item-large\" itemprop=\"associatedMedia\" itemscope itemtype=\"http:\/\/schema.org\/ImageObject\"> <a href=\"https:\/\/itayachtscanada.com\/fr\/listing\/iliad-53f-2026-2115000-usd-for-sale\/capture-decran-le-2025-05-23-a-20-43-09\/\" border=\"0\" itemprop=\"url\"> <meta itemprop=\"width\" content=\"271\"> <meta itemprop=\"height\" content=\"159\"> <img decoding=\"async\" class=\"\" data-attachment-id=\"235513\" data-orig-file=\"https:\/\/itayachtscanada.com\/wp-content\/uploads\/2025\/05\/Capture-decran-le-2025-05-23-a-20.43.09.jpg\" data-orig-size=\"1668,980\" data-comments-opened=\"1\" data-image-meta=\"{&quot;aperture&quot;:&quot;0&quot;,&quot;credit&quot;:&quot;&quot;,&quot;camera&quot;:&quot;&quot;,&quot;caption&quot;:&quot;&quot;,&quot;created_timestamp&quot;:&quot;0&quot;,&quot;copyright&quot;:&quot;&quot;,&quot;focal_length&quot;:&quot;0&quot;,&quot;iso&quot;:&quot;0&quot;,&quot;shutter_speed&quot;:&quot;0&quot;,&quot;title&quot;:&quot;&quot;,&quot;orientation&quot;:&quot;0&quot;}\" data-image-title=\"Capture d\u2019e\u0301cran, le 2025-05-23 a\u0300 20.43.09\" data-image-description=\"\" data-medium-file=\"https:\/\/i0.wp.com\/itayachtscanada.com\/wp-content\/uploads\/2025\/05\/Capture-decran-le-2025-05-23-a-20.43.09.jpg?fit=300%2C176&#038;ssl=1\" data-large-file=\"https:\/\/i0.wp.com\/itayachtscanada.com\/wp-content\/uploads\/2025\/05\/Capture-decran-le-2025-05-23-a-20.43.09.jpg?fit=700%2C412&#038;ssl=1\" src=\"https:\/\/i0.wp.com\/itayachtscanada.com\/wp-content\/uploads\/2025\/05\/Capture-decran-le-2025-05-23-a-20.43.09.jpg?w=271&#038;h=159&#038;ssl=1\" srcset=\"https:\/\/i0.wp.com\/itayachtscanada.com\/wp-content\/uploads\/2025\/05\/Capture-decran-le-2025-05-23-a-20.43.09.jpg?w=1668&amp;ssl=1 1668w, https:\/\/i0.wp.com\/itayachtscanada.com\/wp-content\/uploads\/2025\/05\/Capture-decran-le-2025-05-23-a-20.43.09.jpg?resize=300%2C176&amp;ssl=1 300w, https:\/\/i0.wp.com\/itayachtscanada.com\/wp-content\/uploads\/2025\/05\/Capture-decran-le-2025-05-23-a-20.43.09.jpg?resize=1024%2C602&amp;ssl=1 1024w, https:\/\/i0.wp.com\/itayachtscanada.com\/wp-content\/uploads\/2025\/05\/Capture-decran-le-2025-05-23-a-20.43.09.jpg?resize=768%2C451&amp;ssl=1 768w, https:\/\/i0.wp.com\/itayachtscanada.com\/wp-content\/uploads\/2025\/05\/Capture-decran-le-2025-05-23-a-20.43.09.jpg?resize=1536%2C902&amp;ssl=1 1536w, https:\/\/i0.wp.com\/itayachtscanada.com\/wp-content\/uploads\/2025\/05\/Capture-decran-le-2025-05-23-a-20.43.09.jpg?resize=700%2C411&amp;ssl=1 700w, https:\/\/i0.wp.com\/itayachtscanada.com\/wp-content\/uploads\/2025\/05\/Capture-decran-le-2025-05-23-a-20.43.09.jpg?resize=681%2C400&amp;ssl=1 681w, https:\/\/i0.wp.com\/itayachtscanada.com\/wp-content\/uploads\/2025\/05\/Capture-decran-le-2025-05-23-a-20.43.09.jpg?w=1400&amp;ssl=1 1400w\" width=\"271\" height=\"159\" loading=\"lazy\" data-original-width=\"271\" data-original-height=\"159\" itemprop=\"http:\/\/schema.org\/image\" title=\"Capture d\u2019e\u0301cran, le 2025-05-23 a\u0300 20.43.09\" alt=\"Capture d\u2019e\u0301cran, le 2025-05-23 a\u0300 20.43.09\" style=\"width: 271px; height: 159px;\" \/> <\/a> <\/div> <div class=\"tiled-gallery-item tiled-gallery-item-large\" itemprop=\"associatedMedia\" itemscope itemtype=\"http:\/\/schema.org\/ImageObject\"> <a href=\"https:\/\/itayachtscanada.com\/fr\/listing\/iliad-53f-2026-2115000-usd-for-sale\/capture-decran-le-2025-05-23-a-20-42-50\/\" border=\"0\" itemprop=\"url\"> <meta itemprop=\"width\" content=\"271\"> <meta itemprop=\"height\" content=\"152\"> <img decoding=\"async\" class=\"\" data-attachment-id=\"235515\" data-orig-file=\"https:\/\/itayachtscanada.com\/wp-content\/uploads\/2025\/05\/Capture-decran-le-2025-05-23-a-20.42.50.jpg\" data-orig-size=\"1750,980\" data-comments-opened=\"1\" data-image-meta=\"{&quot;aperture&quot;:&quot;0&quot;,&quot;credit&quot;:&quot;&quot;,&quot;camera&quot;:&quot;&quot;,&quot;caption&quot;:&quot;&quot;,&quot;created_timestamp&quot;:&quot;0&quot;,&quot;copyright&quot;:&quot;&quot;,&quot;focal_length&quot;:&quot;0&quot;,&quot;iso&quot;:&quot;0&quot;,&quot;shutter_speed&quot;:&quot;0&quot;,&quot;title&quot;:&quot;&quot;,&quot;orientation&quot;:&quot;0&quot;}\" data-image-title=\"Capture d\u2019e\u0301cran, le 2025-05-23 a\u0300 20.42.50\" data-image-description=\"\" data-medium-file=\"https:\/\/i0.wp.com\/itayachtscanada.com\/wp-content\/uploads\/2025\/05\/Capture-decran-le-2025-05-23-a-20.42.50.jpg?fit=300%2C168&#038;ssl=1\" data-large-file=\"https:\/\/i0.wp.com\/itayachtscanada.com\/wp-content\/uploads\/2025\/05\/Capture-decran-le-2025-05-23-a-20.42.50.jpg?fit=700%2C392&#038;ssl=1\" src=\"https:\/\/i0.wp.com\/itayachtscanada.com\/wp-content\/uploads\/2025\/05\/Capture-decran-le-2025-05-23-a-20.42.50.jpg?w=271&#038;h=152&#038;ssl=1\" srcset=\"https:\/\/i0.wp.com\/itayachtscanada.com\/wp-content\/uploads\/2025\/05\/Capture-decran-le-2025-05-23-a-20.42.50.jpg?w=1750&amp;ssl=1 1750w, https:\/\/i0.wp.com\/itayachtscanada.com\/wp-content\/uploads\/2025\/05\/Capture-decran-le-2025-05-23-a-20.42.50.jpg?resize=300%2C168&amp;ssl=1 300w, https:\/\/i0.wp.com\/itayachtscanada.com\/wp-content\/uploads\/2025\/05\/Capture-decran-le-2025-05-23-a-20.42.50.jpg?resize=1024%2C573&amp;ssl=1 1024w, https:\/\/i0.wp.com\/itayachtscanada.com\/wp-content\/uploads\/2025\/05\/Capture-decran-le-2025-05-23-a-20.42.50.jpg?resize=768%2C430&amp;ssl=1 768w, https:\/\/i0.wp.com\/itayachtscanada.com\/wp-content\/uploads\/2025\/05\/Capture-decran-le-2025-05-23-a-20.42.50.jpg?resize=1536%2C860&amp;ssl=1 1536w, https:\/\/i0.wp.com\/itayachtscanada.com\/wp-content\/uploads\/2025\/05\/Capture-decran-le-2025-05-23-a-20.42.50.jpg?resize=700%2C392&amp;ssl=1 700w, https:\/\/i0.wp.com\/itayachtscanada.com\/wp-content\/uploads\/2025\/05\/Capture-decran-le-2025-05-23-a-20.42.50.jpg?resize=714%2C400&amp;ssl=1 714w, https:\/\/i0.wp.com\/itayachtscanada.com\/wp-content\/uploads\/2025\/05\/Capture-decran-le-2025-05-23-a-20.42.50.jpg?w=1400&amp;ssl=1 1400w\" width=\"271\" height=\"152\" loading=\"lazy\" data-original-width=\"271\" data-original-height=\"152\" itemprop=\"http:\/\/schema.org\/image\" title=\"Capture d\u2019e\u0301cran, le 2025-05-23 a\u0300 20.42.50\" alt=\"Capture d\u2019e\u0301cran, le 2025-05-23 a\u0300 20.42.50\" style=\"width: 271px; height: 152px;\" \/> <\/a> <\/div> <\/div> <!-- close group --> <\/div> <!-- close row --> <div class=\"gallery-row\" style=\"width: 700px; height: 214px;\" data-original-width=\"700\" data-original-height=\"214\" > <div class=\"gallery-group images-1\" style=\"width: 379px; height: 214px;\" data-original-width=\"379\" data-original-height=\"214\" > <div class=\"tiled-gallery-item tiled-gallery-item-large\" itemprop=\"associatedMedia\" itemscope itemtype=\"http:\/\/schema.org\/ImageObject\"> <a href=\"https:\/\/itayachtscanada.com\/fr\/listing\/iliad-53f-2026-2115000-usd-for-sale\/capture-decran-le-2025-05-23-a-20-41-11\/\" border=\"0\" itemprop=\"url\"> <meta itemprop=\"width\" content=\"375\"> <meta itemprop=\"height\" content=\"210\"> <img decoding=\"async\" class=\"\" data-attachment-id=\"235532\" data-orig-file=\"https:\/\/itayachtscanada.com\/wp-content\/uploads\/2025\/05\/Capture-decran-le-2025-05-23-a-20.41.11.jpg\" data-orig-size=\"1746,980\" data-comments-opened=\"1\" data-image-meta=\"{&quot;aperture&quot;:&quot;0&quot;,&quot;credit&quot;:&quot;&quot;,&quot;camera&quot;:&quot;&quot;,&quot;caption&quot;:&quot;&quot;,&quot;created_timestamp&quot;:&quot;0&quot;,&quot;copyright&quot;:&quot;&quot;,&quot;focal_length&quot;:&quot;0&quot;,&quot;iso&quot;:&quot;0&quot;,&quot;shutter_speed&quot;:&quot;0&quot;,&quot;title&quot;:&quot;&quot;,&quot;orientation&quot;:&quot;0&quot;}\" data-image-title=\"Capture d\u2019e\u0301cran, le 2025-05-23 a\u0300 20.41.11\" data-image-description=\"\" data-medium-file=\"https:\/\/i0.wp.com\/itayachtscanada.com\/wp-content\/uploads\/2025\/05\/Capture-decran-le-2025-05-23-a-20.41.11.jpg?fit=300%2C168&#038;ssl=1\" data-large-file=\"https:\/\/i0.wp.com\/itayachtscanada.com\/wp-content\/uploads\/2025\/05\/Capture-decran-le-2025-05-23-a-20.41.11.jpg?fit=700%2C393&#038;ssl=1\" src=\"https:\/\/i0.wp.com\/itayachtscanada.com\/wp-content\/uploads\/2025\/05\/Capture-decran-le-2025-05-23-a-20.41.11.jpg?w=375&#038;h=210&#038;ssl=1\" srcset=\"https:\/\/i0.wp.com\/itayachtscanada.com\/wp-content\/uploads\/2025\/05\/Capture-decran-le-2025-05-23-a-20.41.11.jpg?w=1746&amp;ssl=1 1746w, https:\/\/i0.wp.com\/itayachtscanada.com\/wp-content\/uploads\/2025\/05\/Capture-decran-le-2025-05-23-a-20.41.11.jpg?resize=300%2C168&amp;ssl=1 300w, https:\/\/i0.wp.com\/itayachtscanada.com\/wp-content\/uploads\/2025\/05\/Capture-decran-le-2025-05-23-a-20.41.11.jpg?resize=1024%2C575&amp;ssl=1 1024w, https:\/\/i0.wp.com\/itayachtscanada.com\/wp-content\/uploads\/2025\/05\/Capture-decran-le-2025-05-23-a-20.41.11.jpg?resize=768%2C431&amp;ssl=1 768w, https:\/\/i0.wp.com\/itayachtscanada.com\/wp-content\/uploads\/2025\/05\/Capture-decran-le-2025-05-23-a-20.41.11.jpg?resize=1536%2C862&amp;ssl=1 1536w, https:\/\/i0.wp.com\/itayachtscanada.com\/wp-content\/uploads\/2025\/05\/Capture-decran-le-2025-05-23-a-20.41.11.jpg?resize=700%2C393&amp;ssl=1 700w, https:\/\/i0.wp.com\/itayachtscanada.com\/wp-content\/uploads\/2025\/05\/Capture-decran-le-2025-05-23-a-20.41.11.jpg?resize=713%2C400&amp;ssl=1 713w, https:\/\/i0.wp.com\/itayachtscanada.com\/wp-content\/uploads\/2025\/05\/Capture-decran-le-2025-05-23-a-20.41.11.jpg?w=1400&amp;ssl=1 1400w\" width=\"375\" height=\"210\" loading=\"lazy\" data-original-width=\"375\" data-original-height=\"210\" itemprop=\"http:\/\/schema.org\/image\" title=\"Capture d\u2019e\u0301cran, le 2025-05-23 a\u0300 20.41.11\" alt=\"Capture d\u2019e\u0301cran, le 2025-05-23 a\u0300 20.41.11\" style=\"width: 375px; height: 210px;\" \/> <\/a> <\/div> <\/div> <!-- close group --> <div class=\"gallery-group images-1\" style=\"width: 321px; height: 214px;\" data-original-width=\"321\" data-original-height=\"214\" > <div class=\"tiled-gallery-item tiled-gallery-item-large\" itemprop=\"associatedMedia\" itemscope itemtype=\"http:\/\/schema.org\/ImageObject\"> <a href=\"https:\/\/itayachtscanada.com\/fr\/listing\/iliad-53f-2026-2115000-usd-for-sale\/capture-decran-le-2025-05-23-a-20-42-46\/\" border=\"0\" itemprop=\"url\"> <meta itemprop=\"width\" content=\"317\"> <meta itemprop=\"height\" content=\"210\"> <img decoding=\"async\" class=\"\" data-attachment-id=\"235517\" data-orig-file=\"https:\/\/itayachtscanada.com\/wp-content\/uploads\/2025\/05\/Capture-decran-le-2025-05-23-a-20.42.46.jpg\" data-orig-size=\"1476,980\" data-comments-opened=\"1\" data-image-meta=\"{&quot;aperture&quot;:&quot;0&quot;,&quot;credit&quot;:&quot;&quot;,&quot;camera&quot;:&quot;&quot;,&quot;caption&quot;:&quot;&quot;,&quot;created_timestamp&quot;:&quot;0&quot;,&quot;copyright&quot;:&quot;&quot;,&quot;focal_length&quot;:&quot;0&quot;,&quot;iso&quot;:&quot;0&quot;,&quot;shutter_speed&quot;:&quot;0&quot;,&quot;title&quot;:&quot;&quot;,&quot;orientation&quot;:&quot;0&quot;}\" data-image-title=\"Capture d\u2019e\u0301cran, le 2025-05-23 a\u0300 20.42.46\" data-image-description=\"\" data-medium-file=\"https:\/\/i0.wp.com\/itayachtscanada.com\/wp-content\/uploads\/2025\/05\/Capture-decran-le-2025-05-23-a-20.42.46.jpg?fit=300%2C199&#038;ssl=1\" data-large-file=\"https:\/\/i0.wp.com\/itayachtscanada.com\/wp-content\/uploads\/2025\/05\/Capture-decran-le-2025-05-23-a-20.42.46.jpg?fit=700%2C465&#038;ssl=1\" src=\"https:\/\/i0.wp.com\/itayachtscanada.com\/wp-content\/uploads\/2025\/05\/Capture-decran-le-2025-05-23-a-20.42.46.jpg?w=317&#038;h=210&#038;ssl=1\" srcset=\"https:\/\/i0.wp.com\/itayachtscanada.com\/wp-content\/uploads\/2025\/05\/Capture-decran-le-2025-05-23-a-20.42.46.jpg?w=1476&amp;ssl=1 1476w, https:\/\/i0.wp.com\/itayachtscanada.com\/wp-content\/uploads\/2025\/05\/Capture-decran-le-2025-05-23-a-20.42.46.jpg?resize=300%2C199&amp;ssl=1 300w, https:\/\/i0.wp.com\/itayachtscanada.com\/wp-content\/uploads\/2025\/05\/Capture-decran-le-2025-05-23-a-20.42.46.jpg?resize=1024%2C680&amp;ssl=1 1024w, https:\/\/i0.wp.com\/itayachtscanada.com\/wp-content\/uploads\/2025\/05\/Capture-decran-le-2025-05-23-a-20.42.46.jpg?resize=768%2C510&amp;ssl=1 768w, https:\/\/i0.wp.com\/itayachtscanada.com\/wp-content\/uploads\/2025\/05\/Capture-decran-le-2025-05-23-a-20.42.46.jpg?resize=700%2C465&amp;ssl=1 700w, https:\/\/i0.wp.com\/itayachtscanada.com\/wp-content\/uploads\/2025\/05\/Capture-decran-le-2025-05-23-a-20.42.46.jpg?resize=900%2C600&amp;ssl=1 900w, https:\/\/i0.wp.com\/itayachtscanada.com\/wp-content\/uploads\/2025\/05\/Capture-decran-le-2025-05-23-a-20.42.46.jpg?resize=602%2C400&amp;ssl=1 602w, https:\/\/i0.wp.com\/itayachtscanada.com\/wp-content\/uploads\/2025\/05\/Capture-decran-le-2025-05-23-a-20.42.46.jpg?w=1400&amp;ssl=1 1400w\" width=\"317\" height=\"210\" loading=\"lazy\" data-original-width=\"317\" data-original-height=\"210\" itemprop=\"http:\/\/schema.org\/image\" title=\"Capture d\u2019e\u0301cran, le 2025-05-23 a\u0300 20.42.46\" alt=\"Capture d\u2019e\u0301cran, le 2025-05-23 a\u0300 20.42.46\" style=\"width: 317px; height: 210px;\" \/> <\/a> <\/div> <\/div> <!-- close group --> <\/div> <!-- close row --> <div class=\"gallery-row\" style=\"width: 700px; height: 335px;\" data-original-width=\"700\" data-original-height=\"335\" > <div class=\"gallery-group images-2\" style=\"width: 254px; height: 335px;\" data-original-width=\"254\" data-original-height=\"335\" > <div class=\"tiled-gallery-item tiled-gallery-item-large\" itemprop=\"associatedMedia\" itemscope itemtype=\"http:\/\/schema.org\/ImageObject\"> <a href=\"https:\/\/itayachtscanada.com\/fr\/listing\/iliad-53f-2026-2115000-usd-for-sale\/capture-decran-le-2025-05-23-a-20-41-20\/\" border=\"0\" itemprop=\"url\"> <meta itemprop=\"width\" content=\"250\"> <meta itemprop=\"height\" content=\"140\"> <img decoding=\"async\" class=\"\" data-attachment-id=\"235531\" data-orig-file=\"https:\/\/itayachtscanada.com\/wp-content\/uploads\/2025\/05\/Capture-decran-le-2025-05-23-a-20.41.20.jpg\" data-orig-size=\"1746,980\" data-comments-opened=\"1\" data-image-meta=\"{&quot;aperture&quot;:&quot;0&quot;,&quot;credit&quot;:&quot;&quot;,&quot;camera&quot;:&quot;&quot;,&quot;caption&quot;:&quot;&quot;,&quot;created_timestamp&quot;:&quot;0&quot;,&quot;copyright&quot;:&quot;&quot;,&quot;focal_length&quot;:&quot;0&quot;,&quot;iso&quot;:&quot;0&quot;,&quot;shutter_speed&quot;:&quot;0&quot;,&quot;title&quot;:&quot;&quot;,&quot;orientation&quot;:&quot;0&quot;}\" data-image-title=\"Capture d\u2019e\u0301cran, le 2025-05-23 a\u0300 20.41.20\" data-image-description=\"\" data-medium-file=\"https:\/\/i0.wp.com\/itayachtscanada.com\/wp-content\/uploads\/2025\/05\/Capture-decran-le-2025-05-23-a-20.41.20.jpg?fit=300%2C168&#038;ssl=1\" data-large-file=\"https:\/\/i0.wp.com\/itayachtscanada.com\/wp-content\/uploads\/2025\/05\/Capture-decran-le-2025-05-23-a-20.41.20.jpg?fit=700%2C393&#038;ssl=1\" src=\"https:\/\/i0.wp.com\/itayachtscanada.com\/wp-content\/uploads\/2025\/05\/Capture-decran-le-2025-05-23-a-20.41.20.jpg?w=250&#038;h=140&#038;ssl=1\" srcset=\"https:\/\/i0.wp.com\/itayachtscanada.com\/wp-content\/uploads\/2025\/05\/Capture-decran-le-2025-05-23-a-20.41.20.jpg?w=1746&amp;ssl=1 1746w, https:\/\/i0.wp.com\/itayachtscanada.com\/wp-content\/uploads\/2025\/05\/Capture-decran-le-2025-05-23-a-20.41.20.jpg?resize=300%2C168&amp;ssl=1 300w, https:\/\/i0.wp.com\/itayachtscanada.com\/wp-content\/uploads\/2025\/05\/Capture-decran-le-2025-05-23-a-20.41.20.jpg?resize=1024%2C575&amp;ssl=1 1024w, https:\/\/i0.wp.com\/itayachtscanada.com\/wp-content\/uploads\/2025\/05\/Capture-decran-le-2025-05-23-a-20.41.20.jpg?resize=768%2C431&amp;ssl=1 768w, https:\/\/i0.wp.com\/itayachtscanada.com\/wp-content\/uploads\/2025\/05\/Capture-decran-le-2025-05-23-a-20.41.20.jpg?resize=1536%2C862&amp;ssl=1 1536w, https:\/\/i0.wp.com\/itayachtscanada.com\/wp-content\/uploads\/2025\/05\/Capture-decran-le-2025-05-23-a-20.41.20.jpg?resize=700%2C393&amp;ssl=1 700w, https:\/\/i0.wp.com\/itayachtscanada.com\/wp-content\/uploads\/2025\/05\/Capture-decran-le-2025-05-23-a-20.41.20.jpg?resize=713%2C400&amp;ssl=1 713w, https:\/\/i0.wp.com\/itayachtscanada.com\/wp-content\/uploads\/2025\/05\/Capture-decran-le-2025-05-23-a-20.41.20.jpg?w=1400&amp;ssl=1 1400w\" width=\"250\" height=\"140\" loading=\"lazy\" data-original-width=\"250\" data-original-height=\"140\" itemprop=\"http:\/\/schema.org\/image\" title=\"Capture d\u2019e\u0301cran, le 2025-05-23 a\u0300 20.41.20\" alt=\"Capture d\u2019e\u0301cran, le 2025-05-23 a\u0300 20.41.20\" style=\"width: 250px; height: 140px;\" \/> <\/a> <\/div> <div class=\"tiled-gallery-item tiled-gallery-item-large\" itemprop=\"associatedMedia\" itemscope itemtype=\"http:\/\/schema.org\/ImageObject\"> <a href=\"https:\/\/itayachtscanada.com\/fr\/listing\/iliad-53f-2026-2115000-usd-for-sale\/capture-decran-le-2025-05-23-a-20-44-00\/\" border=\"0\" itemprop=\"url\"> <meta itemprop=\"width\" content=\"250\"> <meta itemprop=\"height\" content=\"187\"> <img decoding=\"async\" class=\"\" data-attachment-id=\"235506\" data-orig-file=\"https:\/\/itayachtscanada.com\/wp-content\/uploads\/2025\/05\/Capture-decran-le-2025-05-23-a-20.44.00.jpg\" data-orig-size=\"1310,980\" data-comments-opened=\"1\" data-image-meta=\"{&quot;aperture&quot;:&quot;0&quot;,&quot;credit&quot;:&quot;&quot;,&quot;camera&quot;:&quot;&quot;,&quot;caption&quot;:&quot;&quot;,&quot;created_timestamp&quot;:&quot;0&quot;,&quot;copyright&quot;:&quot;&quot;,&quot;focal_length&quot;:&quot;0&quot;,&quot;iso&quot;:&quot;0&quot;,&quot;shutter_speed&quot;:&quot;0&quot;,&quot;title&quot;:&quot;&quot;,&quot;orientation&quot;:&quot;0&quot;}\" data-image-title=\"Capture d\u2019e\u0301cran, le 2025-05-23 a\u0300 20.44.00\" data-image-description=\"\" data-medium-file=\"https:\/\/i0.wp.com\/itayachtscanada.com\/wp-content\/uploads\/2025\/05\/Capture-decran-le-2025-05-23-a-20.44.00.jpg?fit=300%2C224&#038;ssl=1\" data-large-file=\"https:\/\/i0.wp.com\/itayachtscanada.com\/wp-content\/uploads\/2025\/05\/Capture-decran-le-2025-05-23-a-20.44.00.jpg?fit=700%2C524&#038;ssl=1\" src=\"https:\/\/i0.wp.com\/itayachtscanada.com\/wp-content\/uploads\/2025\/05\/Capture-decran-le-2025-05-23-a-20.44.00.jpg?w=250&#038;h=187&#038;ssl=1\" srcset=\"https:\/\/i0.wp.com\/itayachtscanada.com\/wp-content\/uploads\/2025\/05\/Capture-decran-le-2025-05-23-a-20.44.00.jpg?w=1310&amp;ssl=1 1310w, https:\/\/i0.wp.com\/itayachtscanada.com\/wp-content\/uploads\/2025\/05\/Capture-decran-le-2025-05-23-a-20.44.00.jpg?resize=300%2C224&amp;ssl=1 300w, https:\/\/i0.wp.com\/itayachtscanada.com\/wp-content\/uploads\/2025\/05\/Capture-decran-le-2025-05-23-a-20.44.00.jpg?resize=1024%2C766&amp;ssl=1 1024w, https:\/\/i0.wp.com\/itayachtscanada.com\/wp-content\/uploads\/2025\/05\/Capture-decran-le-2025-05-23-a-20.44.00.jpg?resize=768%2C575&amp;ssl=1 768w, https:\/\/i0.wp.com\/itayachtscanada.com\/wp-content\/uploads\/2025\/05\/Capture-decran-le-2025-05-23-a-20.44.00.jpg?resize=700%2C524&amp;ssl=1 700w, https:\/\/i0.wp.com\/itayachtscanada.com\/wp-content\/uploads\/2025\/05\/Capture-decran-le-2025-05-23-a-20.44.00.jpg?resize=535%2C400&amp;ssl=1 535w\" width=\"250\" height=\"187\" loading=\"lazy\" data-original-width=\"250\" data-original-height=\"187\" itemprop=\"http:\/\/schema.org\/image\" title=\"Capture d\u2019e\u0301cran, le 2025-05-23 a\u0300 20.44.00\" alt=\"Capture d\u2019e\u0301cran, le 2025-05-23 a\u0300 20.44.00\" style=\"width: 250px; height: 187px;\" \/> <\/a> <\/div> <\/div> <!-- close group --> <div class=\"gallery-group images-1\" style=\"width: 446px; height: 335px;\" data-original-width=\"446\" data-original-height=\"335\" > <div class=\"tiled-gallery-item tiled-gallery-item-large\" itemprop=\"associatedMedia\" itemscope itemtype=\"http:\/\/schema.org\/ImageObject\"> <a href=\"https:\/\/itayachtscanada.com\/fr\/listing\/iliad-53f-2026-2115000-usd-for-sale\/capture-decran-le-2025-05-23-a-20-44-12\/\" border=\"0\" itemprop=\"url\"> <meta itemprop=\"width\" content=\"442\"> <meta itemprop=\"height\" content=\"331\"> <img decoding=\"async\" class=\"\" data-attachment-id=\"235504\" data-orig-file=\"https:\/\/itayachtscanada.com\/wp-content\/uploads\/2025\/05\/Capture-decran-le-2025-05-23-a-20.44.12.jpg\" data-orig-size=\"1310,980\" data-comments-opened=\"1\" data-image-meta=\"{&quot;aperture&quot;:&quot;0&quot;,&quot;credit&quot;:&quot;&quot;,&quot;camera&quot;:&quot;&quot;,&quot;caption&quot;:&quot;&quot;,&quot;created_timestamp&quot;:&quot;0&quot;,&quot;copyright&quot;:&quot;&quot;,&quot;focal_length&quot;:&quot;0&quot;,&quot;iso&quot;:&quot;0&quot;,&quot;shutter_speed&quot;:&quot;0&quot;,&quot;title&quot;:&quot;&quot;,&quot;orientation&quot;:&quot;0&quot;}\" data-image-title=\"Capture d\u2019e\u0301cran, le 2025-05-23 a\u0300 20.44.12\" data-image-description=\"\" data-medium-file=\"https:\/\/i0.wp.com\/itayachtscanada.com\/wp-content\/uploads\/2025\/05\/Capture-decran-le-2025-05-23-a-20.44.12.jpg?fit=300%2C224&#038;ssl=1\" data-large-file=\"https:\/\/i0.wp.com\/itayachtscanada.com\/wp-content\/uploads\/2025\/05\/Capture-decran-le-2025-05-23-a-20.44.12.jpg?fit=700%2C524&#038;ssl=1\" src=\"https:\/\/i0.wp.com\/itayachtscanada.com\/wp-content\/uploads\/2025\/05\/Capture-decran-le-2025-05-23-a-20.44.12.jpg?w=442&#038;h=331&#038;ssl=1\" srcset=\"https:\/\/i0.wp.com\/itayachtscanada.com\/wp-content\/uploads\/2025\/05\/Capture-decran-le-2025-05-23-a-20.44.12.jpg?w=1310&amp;ssl=1 1310w, https:\/\/i0.wp.com\/itayachtscanada.com\/wp-content\/uploads\/2025\/05\/Capture-decran-le-2025-05-23-a-20.44.12.jpg?resize=300%2C224&amp;ssl=1 300w, https:\/\/i0.wp.com\/itayachtscanada.com\/wp-content\/uploads\/2025\/05\/Capture-decran-le-2025-05-23-a-20.44.12.jpg?resize=1024%2C766&amp;ssl=1 1024w, https:\/\/i0.wp.com\/itayachtscanada.com\/wp-content\/uploads\/2025\/05\/Capture-decran-le-2025-05-23-a-20.44.12.jpg?resize=768%2C575&amp;ssl=1 768w, https:\/\/i0.wp.com\/itayachtscanada.com\/wp-content\/uploads\/2025\/05\/Capture-decran-le-2025-05-23-a-20.44.12.jpg?resize=700%2C524&amp;ssl=1 700w, https:\/\/i0.wp.com\/itayachtscanada.com\/wp-content\/uploads\/2025\/05\/Capture-decran-le-2025-05-23-a-20.44.12.jpg?resize=535%2C400&amp;ssl=1 535w\" width=\"442\" height=\"331\" loading=\"lazy\" data-original-width=\"442\" data-original-height=\"331\" itemprop=\"http:\/\/schema.org\/image\" title=\"Capture d\u2019e\u0301cran, le 2025-05-23 a\u0300 20.44.12\" alt=\"Capture d\u2019e\u0301cran, le 2025-05-23 a\u0300 20.44.12\" style=\"width: 442px; height: 331px;\" \/> <\/a> <\/div> <\/div> <!-- close group --> <\/div> <!-- close row --> <div class=\"gallery-row\" style=\"width: 700px; height: 247px;\" data-original-width=\"700\" data-original-height=\"247\" > <div class=\"gallery-group images-1\" style=\"width: 329px; height: 247px;\" data-original-width=\"329\" data-original-height=\"247\" > <div class=\"tiled-gallery-item tiled-gallery-item-large\" itemprop=\"associatedMedia\" itemscope itemtype=\"http:\/\/schema.org\/ImageObject\"> <a href=\"https:\/\/itayachtscanada.com\/fr\/listing\/iliad-53f-2026-2115000-usd-for-sale\/capture-decran-le-2025-05-23-a-20-44-07\/\" border=\"0\" itemprop=\"url\"> <meta itemprop=\"width\" content=\"325\"> <meta itemprop=\"height\" content=\"243\"> <img decoding=\"async\" class=\"\" data-attachment-id=\"235505\" data-orig-file=\"https:\/\/itayachtscanada.com\/wp-content\/uploads\/2025\/05\/Capture-decran-le-2025-05-23-a-20.44.07.jpg\" data-orig-size=\"1310,980\" data-comments-opened=\"1\" data-image-meta=\"{&quot;aperture&quot;:&quot;0&quot;,&quot;credit&quot;:&quot;&quot;,&quot;camera&quot;:&quot;&quot;,&quot;caption&quot;:&quot;&quot;,&quot;created_timestamp&quot;:&quot;0&quot;,&quot;copyright&quot;:&quot;&quot;,&quot;focal_length&quot;:&quot;0&quot;,&quot;iso&quot;:&quot;0&quot;,&quot;shutter_speed&quot;:&quot;0&quot;,&quot;title&quot;:&quot;&quot;,&quot;orientation&quot;:&quot;0&quot;}\" data-image-title=\"Capture d\u2019e\u0301cran, le 2025-05-23 a\u0300 20.44.07\" data-image-description=\"\" data-medium-file=\"https:\/\/i0.wp.com\/itayachtscanada.com\/wp-content\/uploads\/2025\/05\/Capture-decran-le-2025-05-23-a-20.44.07.jpg?fit=300%2C224&#038;ssl=1\" data-large-file=\"https:\/\/i0.wp.com\/itayachtscanada.com\/wp-content\/uploads\/2025\/05\/Capture-decran-le-2025-05-23-a-20.44.07.jpg?fit=700%2C524&#038;ssl=1\" src=\"https:\/\/i0.wp.com\/itayachtscanada.com\/wp-content\/uploads\/2025\/05\/Capture-decran-le-2025-05-23-a-20.44.07.jpg?w=325&#038;h=243&#038;ssl=1\" srcset=\"https:\/\/i0.wp.com\/itayachtscanada.com\/wp-content\/uploads\/2025\/05\/Capture-decran-le-2025-05-23-a-20.44.07.jpg?w=1310&amp;ssl=1 1310w, https:\/\/i0.wp.com\/itayachtscanada.com\/wp-content\/uploads\/2025\/05\/Capture-decran-le-2025-05-23-a-20.44.07.jpg?resize=300%2C224&amp;ssl=1 300w, https:\/\/i0.wp.com\/itayachtscanada.com\/wp-content\/uploads\/2025\/05\/Capture-decran-le-2025-05-23-a-20.44.07.jpg?resize=1024%2C766&amp;ssl=1 1024w, https:\/\/i0.wp.com\/itayachtscanada.com\/wp-content\/uploads\/2025\/05\/Capture-decran-le-2025-05-23-a-20.44.07.jpg?resize=768%2C575&amp;ssl=1 768w, https:\/\/i0.wp.com\/itayachtscanada.com\/wp-content\/uploads\/2025\/05\/Capture-decran-le-2025-05-23-a-20.44.07.jpg?resize=700%2C524&amp;ssl=1 700w, https:\/\/i0.wp.com\/itayachtscanada.com\/wp-content\/uploads\/2025\/05\/Capture-decran-le-2025-05-23-a-20.44.07.jpg?resize=535%2C400&amp;ssl=1 535w\" width=\"325\" height=\"243\" loading=\"lazy\" data-original-width=\"325\" data-original-height=\"243\" itemprop=\"http:\/\/schema.org\/image\" title=\"Capture d\u2019e\u0301cran, le 2025-05-23 a\u0300 20.44.07\" alt=\"Capture d\u2019e\u0301cran, le 2025-05-23 a\u0300 20.44.07\" style=\"width: 325px; height: 243px;\" \/> <\/a> <\/div> <\/div> <!-- close group --> <div class=\"gallery-group images-1\" style=\"width: 371px; height: 247px;\" data-original-width=\"371\" data-original-height=\"247\" > <div class=\"tiled-gallery-item tiled-gallery-item-large\" itemprop=\"associatedMedia\" itemscope itemtype=\"http:\/\/schema.org\/ImageObject\"> <a href=\"https:\/\/itayachtscanada.com\/fr\/listing\/iliad-53f-2026-2115000-usd-for-sale\/capture-decran-le-2025-05-23-a-20-41-24\/\" border=\"0\" itemprop=\"url\"> <meta itemprop=\"width\" content=\"367\"> <meta itemprop=\"height\" content=\"243\"> <img decoding=\"async\" class=\"\" data-attachment-id=\"235530\" data-orig-file=\"https:\/\/itayachtscanada.com\/wp-content\/uploads\/2025\/05\/Capture-decran-le-2025-05-23-a-20.41.24.jpg\" data-orig-size=\"1476,980\" data-comments-opened=\"1\" data-image-meta=\"{&quot;aperture&quot;:&quot;0&quot;,&quot;credit&quot;:&quot;&quot;,&quot;camera&quot;:&quot;&quot;,&quot;caption&quot;:&quot;&quot;,&quot;created_timestamp&quot;:&quot;0&quot;,&quot;copyright&quot;:&quot;&quot;,&quot;focal_length&quot;:&quot;0&quot;,&quot;iso&quot;:&quot;0&quot;,&quot;shutter_speed&quot;:&quot;0&quot;,&quot;title&quot;:&quot;&quot;,&quot;orientation&quot;:&quot;0&quot;}\" data-image-title=\"Capture d\u2019e\u0301cran, le 2025-05-23 a\u0300 20.41.24\" data-image-description=\"\" data-medium-file=\"https:\/\/i0.wp.com\/itayachtscanada.com\/wp-content\/uploads\/2025\/05\/Capture-decran-le-2025-05-23-a-20.41.24.jpg?fit=300%2C199&#038;ssl=1\" data-large-file=\"https:\/\/i0.wp.com\/itayachtscanada.com\/wp-content\/uploads\/2025\/05\/Capture-decran-le-2025-05-23-a-20.41.24.jpg?fit=700%2C465&#038;ssl=1\" src=\"https:\/\/i0.wp.com\/itayachtscanada.com\/wp-content\/uploads\/2025\/05\/Capture-decran-le-2025-05-23-a-20.41.24.jpg?w=367&#038;h=243&#038;ssl=1\" srcset=\"https:\/\/i0.wp.com\/itayachtscanada.com\/wp-content\/uploads\/2025\/05\/Capture-decran-le-2025-05-23-a-20.41.24.jpg?w=1476&amp;ssl=1 1476w, https:\/\/i0.wp.com\/itayachtscanada.com\/wp-content\/uploads\/2025\/05\/Capture-decran-le-2025-05-23-a-20.41.24.jpg?resize=300%2C199&amp;ssl=1 300w, https:\/\/i0.wp.com\/itayachtscanada.com\/wp-content\/uploads\/2025\/05\/Capture-decran-le-2025-05-23-a-20.41.24.jpg?resize=1024%2C680&amp;ssl=1 1024w, https:\/\/i0.wp.com\/itayachtscanada.com\/wp-content\/uploads\/2025\/05\/Capture-decran-le-2025-05-23-a-20.41.24.jpg?resize=768%2C510&amp;ssl=1 768w, https:\/\/i0.wp.com\/itayachtscanada.com\/wp-content\/uploads\/2025\/05\/Capture-decran-le-2025-05-23-a-20.41.24.jpg?resize=700%2C465&amp;ssl=1 700w, https:\/\/i0.wp.com\/itayachtscanada.com\/wp-content\/uploads\/2025\/05\/Capture-decran-le-2025-05-23-a-20.41.24.jpg?resize=602%2C400&amp;ssl=1 602w, https:\/\/i0.wp.com\/itayachtscanada.com\/wp-content\/uploads\/2025\/05\/Capture-decran-le-2025-05-23-a-20.41.24.jpg?w=1400&amp;ssl=1 1400w\" width=\"367\" height=\"243\" loading=\"lazy\" data-original-width=\"367\" data-original-height=\"243\" itemprop=\"http:\/\/schema.org\/image\" title=\"Capture d\u2019e\u0301cran, le 2025-05-23 a\u0300 20.41.24\" alt=\"Capture d\u2019e\u0301cran, le 2025-05-23 a\u0300 20.41.24\" style=\"width: 367px; height: 243px;\" \/> <\/a> <\/div> <\/div> <!-- close group --> <\/div> <!-- close row --> <div class=\"gallery-row\" style=\"width: 700px; height: 319px;\" data-original-width=\"700\" data-original-height=\"319\" > <div class=\"gallery-group images-1\" style=\"width: 475px; height: 319px;\" data-original-width=\"475\" data-original-height=\"319\" > <div class=\"tiled-gallery-item tiled-gallery-item-large\" itemprop=\"associatedMedia\" itemscope itemtype=\"http:\/\/schema.org\/ImageObject\"> <a href=\"https:\/\/itayachtscanada.com\/fr\/listing\/iliad-53f-2026-2115000-usd-for-sale\/capture-decran-le-2025-05-23-a-20-43-18\/\" border=\"0\" itemprop=\"url\"> <meta itemprop=\"width\" content=\"471\"> <meta itemprop=\"height\" content=\"315\"> <img decoding=\"async\" class=\"\" data-attachment-id=\"235512\" data-orig-file=\"https:\/\/itayachtscanada.com\/wp-content\/uploads\/2025\/05\/Capture-decran-le-2025-05-23-a-20.43.18.jpg\" data-orig-size=\"1466,980\" data-comments-opened=\"1\" data-image-meta=\"{&quot;aperture&quot;:&quot;0&quot;,&quot;credit&quot;:&quot;&quot;,&quot;camera&quot;:&quot;&quot;,&quot;caption&quot;:&quot;&quot;,&quot;created_timestamp&quot;:&quot;0&quot;,&quot;copyright&quot;:&quot;&quot;,&quot;focal_length&quot;:&quot;0&quot;,&quot;iso&quot;:&quot;0&quot;,&quot;shutter_speed&quot;:&quot;0&quot;,&quot;title&quot;:&quot;&quot;,&quot;orientation&quot;:&quot;0&quot;}\" data-image-title=\"Capture d\u2019e\u0301cran, le 2025-05-23 a\u0300 20.43.18\" data-image-description=\"\" data-medium-file=\"https:\/\/i0.wp.com\/itayachtscanada.com\/wp-content\/uploads\/2025\/05\/Capture-decran-le-2025-05-23-a-20.43.18.jpg?fit=300%2C201&#038;ssl=1\" data-large-file=\"https:\/\/i0.wp.com\/itayachtscanada.com\/wp-content\/uploads\/2025\/05\/Capture-decran-le-2025-05-23-a-20.43.18.jpg?fit=700%2C468&#038;ssl=1\" src=\"https:\/\/i0.wp.com\/itayachtscanada.com\/wp-content\/uploads\/2025\/05\/Capture-decran-le-2025-05-23-a-20.43.18.jpg?w=471&#038;h=315&#038;ssl=1\" srcset=\"https:\/\/i0.wp.com\/itayachtscanada.com\/wp-content\/uploads\/2025\/05\/Capture-decran-le-2025-05-23-a-20.43.18.jpg?w=1466&amp;ssl=1 1466w, https:\/\/i0.wp.com\/itayachtscanada.com\/wp-content\/uploads\/2025\/05\/Capture-decran-le-2025-05-23-a-20.43.18.jpg?resize=300%2C201&amp;ssl=1 300w, https:\/\/i0.wp.com\/itayachtscanada.com\/wp-content\/uploads\/2025\/05\/Capture-decran-le-2025-05-23-a-20.43.18.jpg?resize=1024%2C685&amp;ssl=1 1024w, https:\/\/i0.wp.com\/itayachtscanada.com\/wp-content\/uploads\/2025\/05\/Capture-decran-le-2025-05-23-a-20.43.18.jpg?resize=768%2C513&amp;ssl=1 768w, https:\/\/i0.wp.com\/itayachtscanada.com\/wp-content\/uploads\/2025\/05\/Capture-decran-le-2025-05-23-a-20.43.18.jpg?resize=700%2C468&amp;ssl=1 700w, https:\/\/i0.wp.com\/itayachtscanada.com\/wp-content\/uploads\/2025\/05\/Capture-decran-le-2025-05-23-a-20.43.18.jpg?resize=900%2C600&amp;ssl=1 900w, https:\/\/i0.wp.com\/itayachtscanada.com\/wp-content\/uploads\/2025\/05\/Capture-decran-le-2025-05-23-a-20.43.18.jpg?resize=598%2C400&amp;ssl=1 598w, https:\/\/i0.wp.com\/itayachtscanada.com\/wp-content\/uploads\/2025\/05\/Capture-decran-le-2025-05-23-a-20.43.18.jpg?w=1400&amp;ssl=1 1400w\" width=\"471\" height=\"315\" loading=\"lazy\" data-original-width=\"471\" data-original-height=\"315\" itemprop=\"http:\/\/schema.org\/image\" title=\"Capture d\u2019e\u0301cran, le 2025-05-23 a\u0300 20.43.18\" alt=\"Capture d\u2019e\u0301cran, le 2025-05-23 a\u0300 20.43.18\" style=\"width: 471px; height: 315px;\" \/> <\/a> <\/div> <\/div> <!-- close group --> <div class=\"gallery-group images-2\" style=\"width: 225px; height: 319px;\" data-original-width=\"225\" data-original-height=\"319\" > <div class=\"tiled-gallery-item tiled-gallery-item-small\" itemprop=\"associatedMedia\" itemscope itemtype=\"http:\/\/schema.org\/ImageObject\"> <a href=\"https:\/\/itayachtscanada.com\/fr\/listing\/iliad-53f-2026-2115000-usd-for-sale\/capture-decran-le-2025-05-23-a-20-41-33\/\" border=\"0\" itemprop=\"url\"> <meta itemprop=\"width\" content=\"221\"> <meta itemprop=\"height\" content=\"146\"> <img decoding=\"async\" class=\"\" data-attachment-id=\"235529\" data-orig-file=\"https:\/\/itayachtscanada.com\/wp-content\/uploads\/2025\/05\/Capture-decran-le-2025-05-23-a-20.41.33.jpg\" data-orig-size=\"1476,980\" data-comments-opened=\"1\" data-image-meta=\"{&quot;aperture&quot;:&quot;0&quot;,&quot;credit&quot;:&quot;&quot;,&quot;camera&quot;:&quot;&quot;,&quot;caption&quot;:&quot;&quot;,&quot;created_timestamp&quot;:&quot;0&quot;,&quot;copyright&quot;:&quot;&quot;,&quot;focal_length&quot;:&quot;0&quot;,&quot;iso&quot;:&quot;0&quot;,&quot;shutter_speed&quot;:&quot;0&quot;,&quot;title&quot;:&quot;&quot;,&quot;orientation&quot;:&quot;0&quot;}\" data-image-title=\"Capture d\u2019e\u0301cran, le 2025-05-23 a\u0300 20.41.33\" data-image-description=\"\" data-medium-file=\"https:\/\/i0.wp.com\/itayachtscanada.com\/wp-content\/uploads\/2025\/05\/Capture-decran-le-2025-05-23-a-20.41.33.jpg?fit=300%2C199&#038;ssl=1\" data-large-file=\"https:\/\/i0.wp.com\/itayachtscanada.com\/wp-content\/uploads\/2025\/05\/Capture-decran-le-2025-05-23-a-20.41.33.jpg?fit=700%2C465&#038;ssl=1\" src=\"https:\/\/i0.wp.com\/itayachtscanada.com\/wp-content\/uploads\/2025\/05\/Capture-decran-le-2025-05-23-a-20.41.33.jpg?w=221&#038;h=146&#038;ssl=1\" srcset=\"https:\/\/i0.wp.com\/itayachtscanada.com\/wp-content\/uploads\/2025\/05\/Capture-decran-le-2025-05-23-a-20.41.33.jpg?w=1476&amp;ssl=1 1476w, https:\/\/i0.wp.com\/itayachtscanada.com\/wp-content\/uploads\/2025\/05\/Capture-decran-le-2025-05-23-a-20.41.33.jpg?resize=300%2C199&amp;ssl=1 300w, https:\/\/i0.wp.com\/itayachtscanada.com\/wp-content\/uploads\/2025\/05\/Capture-decran-le-2025-05-23-a-20.41.33.jpg?resize=1024%2C680&amp;ssl=1 1024w, https:\/\/i0.wp.com\/itayachtscanada.com\/wp-content\/uploads\/2025\/05\/Capture-decran-le-2025-05-23-a-20.41.33.jpg?resize=768%2C510&amp;ssl=1 768w, https:\/\/i0.wp.com\/itayachtscanada.com\/wp-content\/uploads\/2025\/05\/Capture-decran-le-2025-05-23-a-20.41.33.jpg?resize=700%2C465&amp;ssl=1 700w, https:\/\/i0.wp.com\/itayachtscanada.com\/wp-content\/uploads\/2025\/05\/Capture-decran-le-2025-05-23-a-20.41.33.jpg?resize=900%2C600&amp;ssl=1 900w, https:\/\/i0.wp.com\/itayachtscanada.com\/wp-content\/uploads\/2025\/05\/Capture-decran-le-2025-05-23-a-20.41.33.jpg?resize=602%2C400&amp;ssl=1 602w, https:\/\/i0.wp.com\/itayachtscanada.com\/wp-content\/uploads\/2025\/05\/Capture-decran-le-2025-05-23-a-20.41.33.jpg?w=1400&amp;ssl=1 1400w\" width=\"221\" height=\"146\" loading=\"lazy\" data-original-width=\"221\" data-original-height=\"146\" itemprop=\"http:\/\/schema.org\/image\" title=\"Capture d\u2019e\u0301cran, le 2025-05-23 a\u0300 20.41.33\" alt=\"Capture d\u2019e\u0301cran, le 2025-05-23 a\u0300 20.41.33\" style=\"width: 221px; height: 146px;\" \/> <\/a> <\/div> <div class=\"tiled-gallery-item tiled-gallery-item-small\" itemprop=\"associatedMedia\" itemscope itemtype=\"http:\/\/schema.org\/ImageObject\"> <a href=\"https:\/\/itayachtscanada.com\/fr\/listing\/iliad-53f-2026-2115000-usd-for-sale\/capture-decran-le-2025-05-23-a-20-41-45\/\" border=\"0\" itemprop=\"url\"> <meta itemprop=\"width\" content=\"221\"> <meta itemprop=\"height\" content=\"165\"> <img decoding=\"async\" class=\"\" data-attachment-id=\"235527\" data-orig-file=\"https:\/\/itayachtscanada.com\/wp-content\/uploads\/2025\/05\/Capture-decran-le-2025-05-23-a-20.41.45.jpg\" data-orig-size=\"1312,980\" data-comments-opened=\"1\" data-image-meta=\"{&quot;aperture&quot;:&quot;0&quot;,&quot;credit&quot;:&quot;&quot;,&quot;camera&quot;:&quot;&quot;,&quot;caption&quot;:&quot;&quot;,&quot;created_timestamp&quot;:&quot;0&quot;,&quot;copyright&quot;:&quot;&quot;,&quot;focal_length&quot;:&quot;0&quot;,&quot;iso&quot;:&quot;0&quot;,&quot;shutter_speed&quot;:&quot;0&quot;,&quot;title&quot;:&quot;&quot;,&quot;orientation&quot;:&quot;0&quot;}\" data-image-title=\"Capture d\u2019e\u0301cran, le 2025-05-23 a\u0300 20.41.45\" data-image-description=\"\" data-medium-file=\"https:\/\/i0.wp.com\/itayachtscanada.com\/wp-content\/uploads\/2025\/05\/Capture-decran-le-2025-05-23-a-20.41.45.jpg?fit=300%2C224&#038;ssl=1\" data-large-file=\"https:\/\/i0.wp.com\/itayachtscanada.com\/wp-content\/uploads\/2025\/05\/Capture-decran-le-2025-05-23-a-20.41.45.jpg?fit=700%2C523&#038;ssl=1\" src=\"https:\/\/i0.wp.com\/itayachtscanada.com\/wp-content\/uploads\/2025\/05\/Capture-decran-le-2025-05-23-a-20.41.45.jpg?w=221&#038;h=165&#038;ssl=1\" srcset=\"https:\/\/i0.wp.com\/itayachtscanada.com\/wp-content\/uploads\/2025\/05\/Capture-decran-le-2025-05-23-a-20.41.45.jpg?w=1312&amp;ssl=1 1312w, https:\/\/i0.wp.com\/itayachtscanada.com\/wp-content\/uploads\/2025\/05\/Capture-decran-le-2025-05-23-a-20.41.45.jpg?resize=300%2C224&amp;ssl=1 300w, https:\/\/i0.wp.com\/itayachtscanada.com\/wp-content\/uploads\/2025\/05\/Capture-decran-le-2025-05-23-a-20.41.45.jpg?resize=1024%2C765&amp;ssl=1 1024w, https:\/\/i0.wp.com\/itayachtscanada.com\/wp-content\/uploads\/2025\/05\/Capture-decran-le-2025-05-23-a-20.41.45.jpg?resize=768%2C574&amp;ssl=1 768w, https:\/\/i0.wp.com\/itayachtscanada.com\/wp-content\/uploads\/2025\/05\/Capture-decran-le-2025-05-23-a-20.41.45.jpg?resize=700%2C523&amp;ssl=1 700w, https:\/\/i0.wp.com\/itayachtscanada.com\/wp-content\/uploads\/2025\/05\/Capture-decran-le-2025-05-23-a-20.41.45.jpg?resize=536%2C400&amp;ssl=1 536w\" width=\"221\" height=\"165\" loading=\"lazy\" data-original-width=\"221\" data-original-height=\"165\" itemprop=\"http:\/\/schema.org\/image\" title=\"Capture d\u2019e\u0301cran, le 2025-05-23 a\u0300 20.41.45\" alt=\"Capture d\u2019e\u0301cran, le 2025-05-23 a\u0300 20.41.45\" style=\"width: 221px; height: 165px;\" \/> <\/a> <\/div> <\/div> <!-- close group --> <\/div> <!-- close row --> <div class=\"gallery-row\" style=\"width: 700px; height: 233px;\" data-original-width=\"700\" data-original-height=\"233\" > <div class=\"gallery-group images-1\" style=\"width: 349px; height: 233px;\" data-original-width=\"349\" data-original-height=\"233\" > <div class=\"tiled-gallery-item tiled-gallery-item-large\" itemprop=\"associatedMedia\" itemscope itemtype=\"http:\/\/schema.org\/ImageObject\"> <a href=\"https:\/\/itayachtscanada.com\/fr\/listing\/iliad-53f-2026-2115000-usd-for-sale\/capture-decran-le-2025-05-23-a-20-43-00\/\" border=\"0\" itemprop=\"url\"> <meta itemprop=\"width\" content=\"345\"> <meta itemprop=\"height\" content=\"229\"> <img decoding=\"async\" class=\"\" data-attachment-id=\"235514\" data-orig-file=\"https:\/\/itayachtscanada.com\/wp-content\/uploads\/2025\/05\/Capture-decran-le-2025-05-23-a-20.43.00.jpg\" data-orig-size=\"1476,980\" data-comments-opened=\"1\" data-image-meta=\"{&quot;aperture&quot;:&quot;0&quot;,&quot;credit&quot;:&quot;&quot;,&quot;camera&quot;:&quot;&quot;,&quot;caption&quot;:&quot;&quot;,&quot;created_timestamp&quot;:&quot;0&quot;,&quot;copyright&quot;:&quot;&quot;,&quot;focal_length&quot;:&quot;0&quot;,&quot;iso&quot;:&quot;0&quot;,&quot;shutter_speed&quot;:&quot;0&quot;,&quot;title&quot;:&quot;&quot;,&quot;orientation&quot;:&quot;0&quot;}\" data-image-title=\"Capture d\u2019e\u0301cran, le 2025-05-23 a\u0300 20.43.00\" data-image-description=\"\" data-medium-file=\"https:\/\/i0.wp.com\/itayachtscanada.com\/wp-content\/uploads\/2025\/05\/Capture-decran-le-2025-05-23-a-20.43.00.jpg?fit=300%2C199&#038;ssl=1\" data-large-file=\"https:\/\/i0.wp.com\/itayachtscanada.com\/wp-content\/uploads\/2025\/05\/Capture-decran-le-2025-05-23-a-20.43.00.jpg?fit=700%2C465&#038;ssl=1\" src=\"https:\/\/i0.wp.com\/itayachtscanada.com\/wp-content\/uploads\/2025\/05\/Capture-decran-le-2025-05-23-a-20.43.00.jpg?w=345&#038;h=229&#038;ssl=1\" srcset=\"https:\/\/i0.wp.com\/itayachtscanada.com\/wp-content\/uploads\/2025\/05\/Capture-decran-le-2025-05-23-a-20.43.00.jpg?w=1476&amp;ssl=1 1476w, https:\/\/i0.wp.com\/itayachtscanada.com\/wp-content\/uploads\/2025\/05\/Capture-decran-le-2025-05-23-a-20.43.00.jpg?resize=300%2C199&amp;ssl=1 300w, https:\/\/i0.wp.com\/itayachtscanada.com\/wp-content\/uploads\/2025\/05\/Capture-decran-le-2025-05-23-a-20.43.00.jpg?resize=1024%2C680&amp;ssl=1 1024w, https:\/\/i0.wp.com\/itayachtscanada.com\/wp-content\/uploads\/2025\/05\/Capture-decran-le-2025-05-23-a-20.43.00.jpg?resize=768%2C510&amp;ssl=1 768w, https:\/\/i0.wp.com\/itayachtscanada.com\/wp-content\/uploads\/2025\/05\/Capture-decran-le-2025-05-23-a-20.43.00.jpg?resize=700%2C465&amp;ssl=1 700w, https:\/\/i0.wp.com\/itayachtscanada.com\/wp-content\/uploads\/2025\/05\/Capture-decran-le-2025-05-23-a-20.43.00.jpg?resize=900%2C600&amp;ssl=1 900w, https:\/\/i0.wp.com\/itayachtscanada.com\/wp-content\/uploads\/2025\/05\/Capture-decran-le-2025-05-23-a-20.43.00.jpg?resize=602%2C400&amp;ssl=1 602w, https:\/\/i0.wp.com\/itayachtscanada.com\/wp-content\/uploads\/2025\/05\/Capture-decran-le-2025-05-23-a-20.43.00.jpg?w=1400&amp;ssl=1 1400w\" width=\"345\" height=\"229\" loading=\"lazy\" data-original-width=\"345\" data-original-height=\"229\" itemprop=\"http:\/\/schema.org\/image\" title=\"Capture d\u2019e\u0301cran, le 2025-05-23 a\u0300 20.43.00\" alt=\"Capture d\u2019e\u0301cran, le 2025-05-23 a\u0300 20.43.00\" style=\"width: 345px; height: 229px;\" \/> <\/a> <\/div> <\/div> <!-- close group --> <div class=\"gallery-group images-1\" style=\"width: 351px; height: 233px;\" data-original-width=\"351\" data-original-height=\"233\" > <div class=\"tiled-gallery-item tiled-gallery-item-large\" itemprop=\"associatedMedia\" itemscope itemtype=\"http:\/\/schema.org\/ImageObject\"> <a href=\"https:\/\/itayachtscanada.com\/fr\/listing\/iliad-53f-2026-2115000-usd-for-sale\/capture-decran-le-2025-05-23-a-20-41-07\/\" border=\"0\" itemprop=\"url\"> <meta itemprop=\"width\" content=\"347\"> <meta itemprop=\"height\" content=\"229\"> <img decoding=\"async\" class=\"\" data-attachment-id=\"235533\" data-orig-file=\"https:\/\/itayachtscanada.com\/wp-content\/uploads\/2025\/05\/Capture-decran-le-2025-05-23-a-20.41.07.jpg\" data-orig-size=\"1484,980\" data-comments-opened=\"1\" data-image-meta=\"{&quot;aperture&quot;:&quot;0&quot;,&quot;credit&quot;:&quot;&quot;,&quot;camera&quot;:&quot;&quot;,&quot;caption&quot;:&quot;&quot;,&quot;created_timestamp&quot;:&quot;0&quot;,&quot;copyright&quot;:&quot;&quot;,&quot;focal_length&quot;:&quot;0&quot;,&quot;iso&quot;:&quot;0&quot;,&quot;shutter_speed&quot;:&quot;0&quot;,&quot;title&quot;:&quot;&quot;,&quot;orientation&quot;:&quot;0&quot;}\" data-image-title=\"Capture d\u2019e\u0301cran, le 2025-05-23 a\u0300 20.41.07\" data-image-description=\"\" data-medium-file=\"https:\/\/i0.wp.com\/itayachtscanada.com\/wp-content\/uploads\/2025\/05\/Capture-decran-le-2025-05-23-a-20.41.07.jpg?fit=300%2C198&#038;ssl=1\" data-large-file=\"https:\/\/i0.wp.com\/itayachtscanada.com\/wp-content\/uploads\/2025\/05\/Capture-decran-le-2025-05-23-a-20.41.07.jpg?fit=700%2C462&#038;ssl=1\" src=\"https:\/\/i0.wp.com\/itayachtscanada.com\/wp-content\/uploads\/2025\/05\/Capture-decran-le-2025-05-23-a-20.41.07.jpg?w=347&#038;h=229&#038;ssl=1\" srcset=\"https:\/\/i0.wp.com\/itayachtscanada.com\/wp-content\/uploads\/2025\/05\/Capture-decran-le-2025-05-23-a-20.41.07.jpg?w=1484&amp;ssl=1 1484w, https:\/\/i0.wp.com\/itayachtscanada.com\/wp-content\/uploads\/2025\/05\/Capture-decran-le-2025-05-23-a-20.41.07.jpg?resize=300%2C198&amp;ssl=1 300w, https:\/\/i0.wp.com\/itayachtscanada.com\/wp-content\/uploads\/2025\/05\/Capture-decran-le-2025-05-23-a-20.41.07.jpg?resize=1024%2C676&amp;ssl=1 1024w, https:\/\/i0.wp.com\/itayachtscanada.com\/wp-content\/uploads\/2025\/05\/Capture-decran-le-2025-05-23-a-20.41.07.jpg?resize=768%2C507&amp;ssl=1 768w, https:\/\/i0.wp.com\/itayachtscanada.com\/wp-content\/uploads\/2025\/05\/Capture-decran-le-2025-05-23-a-20.41.07.jpg?resize=700%2C462&amp;ssl=1 700w, https:\/\/i0.wp.com\/itayachtscanada.com\/wp-content\/uploads\/2025\/05\/Capture-decran-le-2025-05-23-a-20.41.07.jpg?resize=606%2C400&amp;ssl=1 606w, https:\/\/i0.wp.com\/itayachtscanada.com\/wp-content\/uploads\/2025\/05\/Capture-decran-le-2025-05-23-a-20.41.07.jpg?w=1400&amp;ssl=1 1400w\" width=\"347\" height=\"229\" loading=\"lazy\" data-original-width=\"347\" data-original-height=\"229\" itemprop=\"http:\/\/schema.org\/image\" title=\"Capture d\u2019e\u0301cran, le 2025-05-23 a\u0300 20.41.07\" alt=\"Capture d\u2019e\u0301cran, le 2025-05-23 a\u0300 20.41.07\" style=\"width: 347px; height: 229px;\" \/> <\/a> <\/div> <\/div> <!-- close group --> <\/div> <!-- close row --> <div class=\"gallery-row\" style=\"width: 700px; height: 233px;\" data-original-width=\"700\" data-original-height=\"233\" > <div class=\"gallery-group images-1\" style=\"width: 350px; height: 233px;\" data-original-width=\"350\" data-original-height=\"233\" > <div class=\"tiled-gallery-item tiled-gallery-item-large\" itemprop=\"associatedMedia\" itemscope itemtype=\"http:\/\/schema.org\/ImageObject\"> <a href=\"https:\/\/itayachtscanada.com\/fr\/listing\/iliad-53f-2026-2115000-usd-for-sale\/capture-decran-le-2025-05-23-a-20-40-55\/\" border=\"0\" itemprop=\"url\"> <meta itemprop=\"width\" content=\"346\"> <meta itemprop=\"height\" content=\"229\"> <img decoding=\"async\" class=\"\" data-attachment-id=\"235535\" data-orig-file=\"https:\/\/itayachtscanada.com\/wp-content\/uploads\/2025\/05\/Capture-decran-le-2025-05-23-a-20.40.55.jpg\" data-orig-size=\"1484,980\" data-comments-opened=\"1\" data-image-meta=\"{&quot;aperture&quot;:&quot;0&quot;,&quot;credit&quot;:&quot;&quot;,&quot;camera&quot;:&quot;&quot;,&quot;caption&quot;:&quot;&quot;,&quot;created_timestamp&quot;:&quot;0&quot;,&quot;copyright&quot;:&quot;&quot;,&quot;focal_length&quot;:&quot;0&quot;,&quot;iso&quot;:&quot;0&quot;,&quot;shutter_speed&quot;:&quot;0&quot;,&quot;title&quot;:&quot;&quot;,&quot;orientation&quot;:&quot;0&quot;}\" data-image-title=\"Capture d\u2019e\u0301cran, le 2025-05-23 a\u0300 20.40.55\" data-image-description=\"\" data-medium-file=\"https:\/\/i0.wp.com\/itayachtscanada.com\/wp-content\/uploads\/2025\/05\/Capture-decran-le-2025-05-23-a-20.40.55.jpg?fit=300%2C198&#038;ssl=1\" data-large-file=\"https:\/\/i0.wp.com\/itayachtscanada.com\/wp-content\/uploads\/2025\/05\/Capture-decran-le-2025-05-23-a-20.40.55.jpg?fit=700%2C462&#038;ssl=1\" src=\"https:\/\/i0.wp.com\/itayachtscanada.com\/wp-content\/uploads\/2025\/05\/Capture-decran-le-2025-05-23-a-20.40.55.jpg?w=346&#038;h=229&#038;ssl=1\" srcset=\"https:\/\/i0.wp.com\/itayachtscanada.com\/wp-content\/uploads\/2025\/05\/Capture-decran-le-2025-05-23-a-20.40.55.jpg?w=1484&amp;ssl=1 1484w, https:\/\/i0.wp.com\/itayachtscanada.com\/wp-content\/uploads\/2025\/05\/Capture-decran-le-2025-05-23-a-20.40.55.jpg?resize=300%2C198&amp;ssl=1 300w, https:\/\/i0.wp.com\/itayachtscanada.com\/wp-content\/uploads\/2025\/05\/Capture-decran-le-2025-05-23-a-20.40.55.jpg?resize=1024%2C676&amp;ssl=1 1024w, https:\/\/i0.wp.com\/itayachtscanada.com\/wp-content\/uploads\/2025\/05\/Capture-decran-le-2025-05-23-a-20.40.55.jpg?resize=768%2C507&amp;ssl=1 768w, https:\/\/i0.wp.com\/itayachtscanada.com\/wp-content\/uploads\/2025\/05\/Capture-decran-le-2025-05-23-a-20.40.55.jpg?resize=700%2C462&amp;ssl=1 700w, https:\/\/i0.wp.com\/itayachtscanada.com\/wp-content\/uploads\/2025\/05\/Capture-decran-le-2025-05-23-a-20.40.55.jpg?resize=606%2C400&amp;ssl=1 606w, https:\/\/i0.wp.com\/itayachtscanada.com\/wp-content\/uploads\/2025\/05\/Capture-decran-le-2025-05-23-a-20.40.55.jpg?w=1400&amp;ssl=1 1400w\" width=\"346\" height=\"229\" loading=\"lazy\" data-original-width=\"346\" data-original-height=\"229\" itemprop=\"http:\/\/schema.org\/image\" title=\"Capture d\u2019e\u0301cran, le 2025-05-23 a\u0300 20.40.55\" alt=\"Capture d\u2019e\u0301cran, le 2025-05-23 a\u0300 20.40.55\" style=\"width: 346px; height: 229px;\" \/> <\/a> <\/div> <\/div> <!-- close group --> <div class=\"gallery-group images-1\" style=\"width: 350px; height: 233px;\" data-original-width=\"350\" data-original-height=\"233\" > <div class=\"tiled-gallery-item tiled-gallery-item-large\" itemprop=\"associatedMedia\" itemscope itemtype=\"http:\/\/schema.org\/ImageObject\"> <a href=\"https:\/\/itayachtscanada.com\/fr\/listing\/iliad-53f-2026-2115000-usd-for-sale\/capture-decran-le-2025-05-23-a-20-40-32\/\" border=\"0\" itemprop=\"url\"> <meta itemprop=\"width\" content=\"346\"> <meta itemprop=\"height\" content=\"229\"> <img decoding=\"async\" class=\"\" data-attachment-id=\"235538\" data-orig-file=\"https:\/\/itayachtscanada.com\/wp-content\/uploads\/2025\/05\/Capture-decran-le-2025-05-23-a-20.40.32.jpg\" data-orig-size=\"1480,980\" data-comments-opened=\"1\" data-image-meta=\"{&quot;aperture&quot;:&quot;0&quot;,&quot;credit&quot;:&quot;&quot;,&quot;camera&quot;:&quot;&quot;,&quot;caption&quot;:&quot;&quot;,&quot;created_timestamp&quot;:&quot;0&quot;,&quot;copyright&quot;:&quot;&quot;,&quot;focal_length&quot;:&quot;0&quot;,&quot;iso&quot;:&quot;0&quot;,&quot;shutter_speed&quot;:&quot;0&quot;,&quot;title&quot;:&quot;&quot;,&quot;orientation&quot;:&quot;0&quot;}\" data-image-title=\"Capture d\u2019e\u0301cran, le 2025-05-23 a\u0300 20.40.32\" data-image-description=\"\" data-medium-file=\"https:\/\/i0.wp.com\/itayachtscanada.com\/wp-content\/uploads\/2025\/05\/Capture-decran-le-2025-05-23-a-20.40.32.jpg?fit=300%2C199&#038;ssl=1\" data-large-file=\"https:\/\/i0.wp.com\/itayachtscanada.com\/wp-content\/uploads\/2025\/05\/Capture-decran-le-2025-05-23-a-20.40.32.jpg?fit=700%2C463&#038;ssl=1\" src=\"https:\/\/i0.wp.com\/itayachtscanada.com\/wp-content\/uploads\/2025\/05\/Capture-decran-le-2025-05-23-a-20.40.32.jpg?w=346&#038;h=229&#038;ssl=1\" srcset=\"https:\/\/i0.wp.com\/itayachtscanada.com\/wp-content\/uploads\/2025\/05\/Capture-decran-le-2025-05-23-a-20.40.32.jpg?w=1480&amp;ssl=1 1480w, https:\/\/i0.wp.com\/itayachtscanada.com\/wp-content\/uploads\/2025\/05\/Capture-decran-le-2025-05-23-a-20.40.32.jpg?resize=300%2C199&amp;ssl=1 300w, https:\/\/i0.wp.com\/itayachtscanada.com\/wp-content\/uploads\/2025\/05\/Capture-decran-le-2025-05-23-a-20.40.32.jpg?resize=1024%2C678&amp;ssl=1 1024w, https:\/\/i0.wp.com\/itayachtscanada.com\/wp-content\/uploads\/2025\/05\/Capture-decran-le-2025-05-23-a-20.40.32.jpg?resize=768%2C509&amp;ssl=1 768w, https:\/\/i0.wp.com\/itayachtscanada.com\/wp-content\/uploads\/2025\/05\/Capture-decran-le-2025-05-23-a-20.40.32.jpg?resize=700%2C464&amp;ssl=1 700w, https:\/\/i0.wp.com\/itayachtscanada.com\/wp-content\/uploads\/2025\/05\/Capture-decran-le-2025-05-23-a-20.40.32.jpg?resize=604%2C400&amp;ssl=1 604w, https:\/\/i0.wp.com\/itayachtscanada.com\/wp-content\/uploads\/2025\/05\/Capture-decran-le-2025-05-23-a-20.40.32.jpg?w=1400&amp;ssl=1 1400w\" width=\"346\" height=\"229\" loading=\"lazy\" data-original-width=\"346\" data-original-height=\"229\" itemprop=\"http:\/\/schema.org\/image\" title=\"Capture d\u2019e\u0301cran, le 2025-05-23 a\u0300 20.40.32\" alt=\"Capture d\u2019e\u0301cran, le 2025-05-23 a\u0300 20.40.32\" style=\"width: 346px; height: 229px;\" \/> <\/a> <\/div> <\/div> <!-- close group --> <\/div> <!-- close row --> <div class=\"gallery-row\" style=\"width: 700px; height: 197px;\" data-original-width=\"700\" data-original-height=\"197\" > <div class=\"gallery-group images-1\" style=\"width: 350px; height: 197px;\" data-original-width=\"350\" data-original-height=\"197\" > <div class=\"tiled-gallery-item tiled-gallery-item-large\" itemprop=\"associatedMedia\" itemscope itemtype=\"http:\/\/schema.org\/ImageObject\"> <a href=\"https:\/\/itayachtscanada.com\/fr\/listing\/iliad-53f-2026-2115000-usd-for-sale\/capture-decran-le-2025-05-23-a-20-40-50\/\" border=\"0\" itemprop=\"url\"> <meta itemprop=\"width\" content=\"346\"> <meta itemprop=\"height\" content=\"193\"> <img decoding=\"async\" class=\"\" data-attachment-id=\"235536\" data-orig-file=\"https:\/\/itayachtscanada.com\/wp-content\/uploads\/2025\/05\/Capture-decran-le-2025-05-23-a-20.40.50.jpg\" data-orig-size=\"1754,980\" data-comments-opened=\"1\" data-image-meta=\"{&quot;aperture&quot;:&quot;0&quot;,&quot;credit&quot;:&quot;&quot;,&quot;camera&quot;:&quot;&quot;,&quot;caption&quot;:&quot;&quot;,&quot;created_timestamp&quot;:&quot;0&quot;,&quot;copyright&quot;:&quot;&quot;,&quot;focal_length&quot;:&quot;0&quot;,&quot;iso&quot;:&quot;0&quot;,&quot;shutter_speed&quot;:&quot;0&quot;,&quot;title&quot;:&quot;&quot;,&quot;orientation&quot;:&quot;0&quot;}\" data-image-title=\"Capture d\u2019e\u0301cran, le 2025-05-23 a\u0300 20.40.50\" data-image-description=\"\" data-medium-file=\"https:\/\/i0.wp.com\/itayachtscanada.com\/wp-content\/uploads\/2025\/05\/Capture-decran-le-2025-05-23-a-20.40.50.jpg?fit=300%2C168&#038;ssl=1\" data-large-file=\"https:\/\/i0.wp.com\/itayachtscanada.com\/wp-content\/uploads\/2025\/05\/Capture-decran-le-2025-05-23-a-20.40.50.jpg?fit=700%2C391&#038;ssl=1\" src=\"https:\/\/i0.wp.com\/itayachtscanada.com\/wp-content\/uploads\/2025\/05\/Capture-decran-le-2025-05-23-a-20.40.50.jpg?w=346&#038;h=193&#038;ssl=1\" srcset=\"https:\/\/i0.wp.com\/itayachtscanada.com\/wp-content\/uploads\/2025\/05\/Capture-decran-le-2025-05-23-a-20.40.50.jpg?w=1754&amp;ssl=1 1754w, https:\/\/i0.wp.com\/itayachtscanada.com\/wp-content\/uploads\/2025\/05\/Capture-decran-le-2025-05-23-a-20.40.50.jpg?resize=300%2C168&amp;ssl=1 300w, https:\/\/i0.wp.com\/itayachtscanada.com\/wp-content\/uploads\/2025\/05\/Capture-decran-le-2025-05-23-a-20.40.50.jpg?resize=1024%2C572&amp;ssl=1 1024w, https:\/\/i0.wp.com\/itayachtscanada.com\/wp-content\/uploads\/2025\/05\/Capture-decran-le-2025-05-23-a-20.40.50.jpg?resize=768%2C429&amp;ssl=1 768w, https:\/\/i0.wp.com\/itayachtscanada.com\/wp-content\/uploads\/2025\/05\/Capture-decran-le-2025-05-23-a-20.40.50.jpg?resize=1536%2C858&amp;ssl=1 1536w, https:\/\/i0.wp.com\/itayachtscanada.com\/wp-content\/uploads\/2025\/05\/Capture-decran-le-2025-05-23-a-20.40.50.jpg?resize=700%2C391&amp;ssl=1 700w, https:\/\/i0.wp.com\/itayachtscanada.com\/wp-content\/uploads\/2025\/05\/Capture-decran-le-2025-05-23-a-20.40.50.jpg?resize=716%2C400&amp;ssl=1 716w, https:\/\/i0.wp.com\/itayachtscanada.com\/wp-content\/uploads\/2025\/05\/Capture-decran-le-2025-05-23-a-20.40.50.jpg?w=1400&amp;ssl=1 1400w\" width=\"346\" height=\"193\" loading=\"lazy\" data-original-width=\"346\" data-original-height=\"193\" itemprop=\"http:\/\/schema.org\/image\" title=\"Capture d\u2019e\u0301cran, le 2025-05-23 a\u0300 20.40.50\" alt=\"Capture d\u2019e\u0301cran, le 2025-05-23 a\u0300 20.40.50\" style=\"width: 346px; height: 193px;\" \/> <\/a> <\/div> <\/div> <!-- close group --> <div class=\"gallery-group images-1\" style=\"width: 350px; height: 197px;\" data-original-width=\"350\" data-original-height=\"197\" > <div class=\"tiled-gallery-item tiled-gallery-item-large\" itemprop=\"associatedMedia\" itemscope itemtype=\"http:\/\/schema.org\/ImageObject\"> <a href=\"https:\/\/itayachtscanada.com\/fr\/listing\/iliad-53f-2026-2115000-usd-for-sale\/capture-decran-le-2025-05-23-a-20-40-41\/\" border=\"0\" itemprop=\"url\"> <meta itemprop=\"width\" content=\"346\"> <meta itemprop=\"height\" content=\"193\"> <img decoding=\"async\" class=\"\" data-attachment-id=\"235537\" data-orig-file=\"https:\/\/itayachtscanada.com\/wp-content\/uploads\/2025\/05\/Capture-decran-le-2025-05-23-a-20.40.41.jpg\" data-orig-size=\"1754,980\" data-comments-opened=\"1\" data-image-meta=\"{&quot;aperture&quot;:&quot;0&quot;,&quot;credit&quot;:&quot;&quot;,&quot;camera&quot;:&quot;&quot;,&quot;caption&quot;:&quot;&quot;,&quot;created_timestamp&quot;:&quot;0&quot;,&quot;copyright&quot;:&quot;&quot;,&quot;focal_length&quot;:&quot;0&quot;,&quot;iso&quot;:&quot;0&quot;,&quot;shutter_speed&quot;:&quot;0&quot;,&quot;title&quot;:&quot;&quot;,&quot;orientation&quot;:&quot;0&quot;}\" data-image-title=\"Capture d\u2019e\u0301cran, le 2025-05-23 a\u0300 20.40.41\" data-image-description=\"\" data-medium-file=\"https:\/\/i0.wp.com\/itayachtscanada.com\/wp-content\/uploads\/2025\/05\/Capture-decran-le-2025-05-23-a-20.40.41.jpg?fit=300%2C168&#038;ssl=1\" data-large-file=\"https:\/\/i0.wp.com\/itayachtscanada.com\/wp-content\/uploads\/2025\/05\/Capture-decran-le-2025-05-23-a-20.40.41.jpg?fit=700%2C391&#038;ssl=1\" src=\"https:\/\/i0.wp.com\/itayachtscanada.com\/wp-content\/uploads\/2025\/05\/Capture-decran-le-2025-05-23-a-20.40.41.jpg?w=346&#038;h=193&#038;ssl=1\" srcset=\"https:\/\/i0.wp.com\/itayachtscanada.com\/wp-content\/uploads\/2025\/05\/Capture-decran-le-2025-05-23-a-20.40.41.jpg?w=1754&amp;ssl=1 1754w, https:\/\/i0.wp.com\/itayachtscanada.com\/wp-content\/uploads\/2025\/05\/Capture-decran-le-2025-05-23-a-20.40.41.jpg?resize=300%2C168&amp;ssl=1 300w, https:\/\/i0.wp.com\/itayachtscanada.com\/wp-content\/uploads\/2025\/05\/Capture-decran-le-2025-05-23-a-20.40.41.jpg?resize=1024%2C572&amp;ssl=1 1024w, https:\/\/i0.wp.com\/itayachtscanada.com\/wp-content\/uploads\/2025\/05\/Capture-decran-le-2025-05-23-a-20.40.41.jpg?resize=768%2C429&amp;ssl=1 768w, https:\/\/i0.wp.com\/itayachtscanada.com\/wp-content\/uploads\/2025\/05\/Capture-decran-le-2025-05-23-a-20.40.41.jpg?resize=1536%2C858&amp;ssl=1 1536w, https:\/\/i0.wp.com\/itayachtscanada.com\/wp-content\/uploads\/2025\/05\/Capture-decran-le-2025-05-23-a-20.40.41.jpg?resize=700%2C391&amp;ssl=1 700w, https:\/\/i0.wp.com\/itayachtscanada.com\/wp-content\/uploads\/2025\/05\/Capture-decran-le-2025-05-23-a-20.40.41.jpg?resize=716%2C400&amp;ssl=1 716w, https:\/\/i0.wp.com\/itayachtscanada.com\/wp-content\/uploads\/2025\/05\/Capture-decran-le-2025-05-23-a-20.40.41.jpg?w=1400&amp;ssl=1 1400w\" width=\"346\" height=\"193\" loading=\"lazy\" data-original-width=\"346\" data-original-height=\"193\" itemprop=\"http:\/\/schema.org\/image\" title=\"Capture d\u2019e\u0301cran, le 2025-05-23 a\u0300 20.40.41\" alt=\"Capture d\u2019e\u0301cran, le 2025-05-23 a\u0300 20.40.41\" style=\"width: 346px; height: 193px;\" \/> <\/a> <\/div> <\/div> <!-- close group --> <\/div> <!-- close row --> <div class=\"gallery-row\" style=\"width: 700px; height: 213px;\" data-original-width=\"700\" data-original-height=\"213\" > <div class=\"gallery-group images-1\" style=\"width: 381px; height: 213px;\" data-original-width=\"381\" data-original-height=\"213\" > <div class=\"tiled-gallery-item tiled-gallery-item-large\" itemprop=\"associatedMedia\" itemscope itemtype=\"http:\/\/schema.org\/ImageObject\"> <a href=\"https:\/\/itayachtscanada.com\/fr\/listing\/iliad-53f-2026-2115000-usd-for-sale\/capture-decran-le-2025-05-23-a-20-40-29\/\" border=\"0\" itemprop=\"url\"> <meta itemprop=\"width\" content=\"377\"> <meta itemprop=\"height\" content=\"209\"> <img decoding=\"async\" class=\"\" data-attachment-id=\"235539\" data-orig-file=\"https:\/\/itayachtscanada.com\/wp-content\/uploads\/2025\/05\/Capture-decran-le-2025-05-23-a-20.40.29.jpg\" data-orig-size=\"1764,980\" data-comments-opened=\"1\" data-image-meta=\"{&quot;aperture&quot;:&quot;0&quot;,&quot;credit&quot;:&quot;&quot;,&quot;camera&quot;:&quot;&quot;,&quot;caption&quot;:&quot;&quot;,&quot;created_timestamp&quot;:&quot;0&quot;,&quot;copyright&quot;:&quot;&quot;,&quot;focal_length&quot;:&quot;0&quot;,&quot;iso&quot;:&quot;0&quot;,&quot;shutter_speed&quot;:&quot;0&quot;,&quot;title&quot;:&quot;&quot;,&quot;orientation&quot;:&quot;0&quot;}\" data-image-title=\"Capture d\u2019e\u0301cran, le 2025-05-23 a\u0300 20.40.29\" data-image-description=\"\" data-medium-file=\"https:\/\/i0.wp.com\/itayachtscanada.com\/wp-content\/uploads\/2025\/05\/Capture-decran-le-2025-05-23-a-20.40.29.jpg?fit=300%2C167&#038;ssl=1\" data-large-file=\"https:\/\/i0.wp.com\/itayachtscanada.com\/wp-content\/uploads\/2025\/05\/Capture-decran-le-2025-05-23-a-20.40.29.jpg?fit=700%2C389&#038;ssl=1\" src=\"https:\/\/i0.wp.com\/itayachtscanada.com\/wp-content\/uploads\/2025\/05\/Capture-decran-le-2025-05-23-a-20.40.29.jpg?w=377&#038;h=209&#038;ssl=1\" srcset=\"https:\/\/i0.wp.com\/itayachtscanada.com\/wp-content\/uploads\/2025\/05\/Capture-decran-le-2025-05-23-a-20.40.29.jpg?w=1764&amp;ssl=1 1764w, https:\/\/i0.wp.com\/itayachtscanada.com\/wp-content\/uploads\/2025\/05\/Capture-decran-le-2025-05-23-a-20.40.29.jpg?resize=300%2C167&amp;ssl=1 300w, https:\/\/i0.wp.com\/itayachtscanada.com\/wp-content\/uploads\/2025\/05\/Capture-decran-le-2025-05-23-a-20.40.29.jpg?resize=1024%2C569&amp;ssl=1 1024w, https:\/\/i0.wp.com\/itayachtscanada.com\/wp-content\/uploads\/2025\/05\/Capture-decran-le-2025-05-23-a-20.40.29.jpg?resize=768%2C427&amp;ssl=1 768w, https:\/\/i0.wp.com\/itayachtscanada.com\/wp-content\/uploads\/2025\/05\/Capture-decran-le-2025-05-23-a-20.40.29.jpg?resize=1536%2C853&amp;ssl=1 1536w, https:\/\/i0.wp.com\/itayachtscanada.com\/wp-content\/uploads\/2025\/05\/Capture-decran-le-2025-05-23-a-20.40.29.jpg?resize=700%2C389&amp;ssl=1 700w, https:\/\/i0.wp.com\/itayachtscanada.com\/wp-content\/uploads\/2025\/05\/Capture-decran-le-2025-05-23-a-20.40.29.jpg?resize=720%2C400&amp;ssl=1 720w, https:\/\/i0.wp.com\/itayachtscanada.com\/wp-content\/uploads\/2025\/05\/Capture-decran-le-2025-05-23-a-20.40.29.jpg?w=1400&amp;ssl=1 1400w\" width=\"377\" height=\"209\" loading=\"lazy\" data-original-width=\"377\" data-original-height=\"209\" itemprop=\"http:\/\/schema.org\/image\" title=\"Capture d\u2019e\u0301cran, le 2025-05-23 a\u0300 20.40.29\" alt=\"Capture d\u2019e\u0301cran, le 2025-05-23 a\u0300 20.40.29\" style=\"width: 377px; height: 209px;\" \/> <\/a> <\/div> <\/div> <!-- close group --> <div class=\"gallery-group images-1\" style=\"width: 319px; height: 213px;\" data-original-width=\"319\" data-original-height=\"213\" > <div class=\"tiled-gallery-item tiled-gallery-item-large\" itemprop=\"associatedMedia\" itemscope itemtype=\"http:\/\/schema.org\/ImageObject\"> <a href=\"https:\/\/itayachtscanada.com\/fr\/listing\/iliad-53f-2026-2115000-usd-for-sale\/capture-decran-le-2025-05-23-a-20-42-42\/\" border=\"0\" itemprop=\"url\"> <meta itemprop=\"width\" content=\"315\"> <meta itemprop=\"height\" content=\"209\"> <img decoding=\"async\" class=\"\" data-attachment-id=\"235520\" data-orig-file=\"https:\/\/itayachtscanada.com\/wp-content\/uploads\/2025\/05\/Capture-decran-le-2025-05-23-a-20.42.42.jpg\" data-orig-size=\"1476,980\" data-comments-opened=\"1\" data-image-meta=\"{&quot;aperture&quot;:&quot;0&quot;,&quot;credit&quot;:&quot;&quot;,&quot;camera&quot;:&quot;&quot;,&quot;caption&quot;:&quot;&quot;,&quot;created_timestamp&quot;:&quot;0&quot;,&quot;copyright&quot;:&quot;&quot;,&quot;focal_length&quot;:&quot;0&quot;,&quot;iso&quot;:&quot;0&quot;,&quot;shutter_speed&quot;:&quot;0&quot;,&quot;title&quot;:&quot;&quot;,&quot;orientation&quot;:&quot;0&quot;}\" data-image-title=\"Capture d\u2019e\u0301cran, le 2025-05-23 a\u0300 20.42.42\" data-image-description=\"\" data-medium-file=\"https:\/\/i0.wp.com\/itayachtscanada.com\/wp-content\/uploads\/2025\/05\/Capture-decran-le-2025-05-23-a-20.42.42.jpg?fit=300%2C199&#038;ssl=1\" data-large-file=\"https:\/\/i0.wp.com\/itayachtscanada.com\/wp-content\/uploads\/2025\/05\/Capture-decran-le-2025-05-23-a-20.42.42.jpg?fit=700%2C465&#038;ssl=1\" src=\"https:\/\/i0.wp.com\/itayachtscanada.com\/wp-content\/uploads\/2025\/05\/Capture-decran-le-2025-05-23-a-20.42.42.jpg?w=315&#038;h=209&#038;ssl=1\" srcset=\"https:\/\/i0.wp.com\/itayachtscanada.com\/wp-content\/uploads\/2025\/05\/Capture-decran-le-2025-05-23-a-20.42.42.jpg?w=1476&amp;ssl=1 1476w, https:\/\/i0.wp.com\/itayachtscanada.com\/wp-content\/uploads\/2025\/05\/Capture-decran-le-2025-05-23-a-20.42.42.jpg?resize=300%2C199&amp;ssl=1 300w, https:\/\/i0.wp.com\/itayachtscanada.com\/wp-content\/uploads\/2025\/05\/Capture-decran-le-2025-05-23-a-20.42.42.jpg?resize=1024%2C680&amp;ssl=1 1024w, https:\/\/i0.wp.com\/itayachtscanada.com\/wp-content\/uploads\/2025\/05\/Capture-decran-le-2025-05-23-a-20.42.42.jpg?resize=768%2C510&amp;ssl=1 768w, https:\/\/i0.wp.com\/itayachtscanada.com\/wp-content\/uploads\/2025\/05\/Capture-decran-le-2025-05-23-a-20.42.42.jpg?resize=700%2C465&amp;ssl=1 700w, https:\/\/i0.wp.com\/itayachtscanada.com\/wp-content\/uploads\/2025\/05\/Capture-decran-le-2025-05-23-a-20.42.42.jpg?resize=900%2C600&amp;ssl=1 900w, https:\/\/i0.wp.com\/itayachtscanada.com\/wp-content\/uploads\/2025\/05\/Capture-decran-le-2025-05-23-a-20.42.42.jpg?resize=602%2C400&amp;ssl=1 602w, https:\/\/i0.wp.com\/itayachtscanada.com\/wp-content\/uploads\/2025\/05\/Capture-decran-le-2025-05-23-a-20.42.42.jpg?w=1400&amp;ssl=1 1400w\" width=\"315\" height=\"209\" loading=\"lazy\" data-original-width=\"315\" data-original-height=\"209\" itemprop=\"http:\/\/schema.org\/image\" title=\"Capture d\u2019e\u0301cran, le 2025-05-23 a\u0300 20.42.42\" alt=\"Capture d\u2019e\u0301cran, le 2025-05-23 a\u0300 20.42.42\" style=\"width: 315px; height: 209px;\" \/> <\/a> <\/div> <\/div> <!-- close group --> <\/div> <!-- close row --> <div class=\"gallery-row\" style=\"width: 700px; height: 303px;\" data-original-width=\"700\" data-original-height=\"303\" > <div class=\"gallery-group images-2\" style=\"width: 246px; height: 303px;\" data-original-width=\"246\" data-original-height=\"303\" > <div class=\"tiled-gallery-item tiled-gallery-item-small\" itemprop=\"associatedMedia\" itemscope itemtype=\"http:\/\/schema.org\/ImageObject\"> <a href=\"https:\/\/itayachtscanada.com\/fr\/listing\/iliad-53f-2026-2115000-usd-for-sale\/capture-decran-le-2025-05-23-a-20-40-21\/\" border=\"0\" itemprop=\"url\"> <meta itemprop=\"width\" content=\"242\"> <meta itemprop=\"height\" content=\"135\"> <img decoding=\"async\" class=\"\" data-attachment-id=\"235540\" data-orig-file=\"https:\/\/itayachtscanada.com\/wp-content\/uploads\/2025\/05\/Capture-decran-le-2025-05-23-a-20.40.21.jpg\" data-orig-size=\"1764,980\" data-comments-opened=\"1\" data-image-meta=\"{&quot;aperture&quot;:&quot;0&quot;,&quot;credit&quot;:&quot;&quot;,&quot;camera&quot;:&quot;&quot;,&quot;caption&quot;:&quot;&quot;,&quot;created_timestamp&quot;:&quot;0&quot;,&quot;copyright&quot;:&quot;&quot;,&quot;focal_length&quot;:&quot;0&quot;,&quot;iso&quot;:&quot;0&quot;,&quot;shutter_speed&quot;:&quot;0&quot;,&quot;title&quot;:&quot;&quot;,&quot;orientation&quot;:&quot;0&quot;}\" data-image-title=\"Capture d\u2019e\u0301cran, le 2025-05-23 a\u0300 20.40.21\" data-image-description=\"\" data-medium-file=\"https:\/\/i0.wp.com\/itayachtscanada.com\/wp-content\/uploads\/2025\/05\/Capture-decran-le-2025-05-23-a-20.40.21.jpg?fit=300%2C167&#038;ssl=1\" data-large-file=\"https:\/\/i0.wp.com\/itayachtscanada.com\/wp-content\/uploads\/2025\/05\/Capture-decran-le-2025-05-23-a-20.40.21.jpg?fit=700%2C389&#038;ssl=1\" src=\"https:\/\/i0.wp.com\/itayachtscanada.com\/wp-content\/uploads\/2025\/05\/Capture-decran-le-2025-05-23-a-20.40.21.jpg?w=242&#038;h=135&#038;ssl=1\" srcset=\"https:\/\/i0.wp.com\/itayachtscanada.com\/wp-content\/uploads\/2025\/05\/Capture-decran-le-2025-05-23-a-20.40.21.jpg?w=1764&amp;ssl=1 1764w, https:\/\/i0.wp.com\/itayachtscanada.com\/wp-content\/uploads\/2025\/05\/Capture-decran-le-2025-05-23-a-20.40.21.jpg?resize=300%2C167&amp;ssl=1 300w, https:\/\/i0.wp.com\/itayachtscanada.com\/wp-content\/uploads\/2025\/05\/Capture-decran-le-2025-05-23-a-20.40.21.jpg?resize=1024%2C569&amp;ssl=1 1024w, https:\/\/i0.wp.com\/itayachtscanada.com\/wp-content\/uploads\/2025\/05\/Capture-decran-le-2025-05-23-a-20.40.21.jpg?resize=768%2C427&amp;ssl=1 768w, https:\/\/i0.wp.com\/itayachtscanada.com\/wp-content\/uploads\/2025\/05\/Capture-decran-le-2025-05-23-a-20.40.21.jpg?resize=1536%2C853&amp;ssl=1 1536w, https:\/\/i0.wp.com\/itayachtscanada.com\/wp-content\/uploads\/2025\/05\/Capture-decran-le-2025-05-23-a-20.40.21.jpg?resize=700%2C389&amp;ssl=1 700w, https:\/\/i0.wp.com\/itayachtscanada.com\/wp-content\/uploads\/2025\/05\/Capture-decran-le-2025-05-23-a-20.40.21.jpg?resize=720%2C400&amp;ssl=1 720w, https:\/\/i0.wp.com\/itayachtscanada.com\/wp-content\/uploads\/2025\/05\/Capture-decran-le-2025-05-23-a-20.40.21.jpg?w=1400&amp;ssl=1 1400w\" width=\"242\" height=\"135\" loading=\"lazy\" data-original-width=\"242\" data-original-height=\"135\" itemprop=\"http:\/\/schema.org\/image\" title=\"Capture d\u2019e\u0301cran, le 2025-05-23 a\u0300 20.40.21\" alt=\"Capture d\u2019e\u0301cran, le 2025-05-23 a\u0300 20.40.21\" style=\"width: 242px; height: 135px;\" \/> <\/a> <\/div> <div class=\"tiled-gallery-item tiled-gallery-item-small\" itemprop=\"associatedMedia\" itemscope itemtype=\"http:\/\/schema.org\/ImageObject\"> <a href=\"https:\/\/itayachtscanada.com\/fr\/listing\/iliad-53f-2026-2115000-usd-for-sale\/capture-decran-le-2025-05-23-a-20-40-16\/\" border=\"0\" itemprop=\"url\"> <meta itemprop=\"width\" content=\"242\"> <meta itemprop=\"height\" content=\"160\"> <img decoding=\"async\" class=\"\" data-attachment-id=\"235541\" data-orig-file=\"https:\/\/itayachtscanada.com\/wp-content\/uploads\/2025\/05\/Capture-decran-le-2025-05-23-a-20.40.16.jpg\" data-orig-size=\"1480,980\" data-comments-opened=\"1\" data-image-meta=\"{&quot;aperture&quot;:&quot;0&quot;,&quot;credit&quot;:&quot;&quot;,&quot;camera&quot;:&quot;&quot;,&quot;caption&quot;:&quot;&quot;,&quot;created_timestamp&quot;:&quot;0&quot;,&quot;copyright&quot;:&quot;&quot;,&quot;focal_length&quot;:&quot;0&quot;,&quot;iso&quot;:&quot;0&quot;,&quot;shutter_speed&quot;:&quot;0&quot;,&quot;title&quot;:&quot;&quot;,&quot;orientation&quot;:&quot;0&quot;}\" data-image-title=\"Capture d\u2019e\u0301cran, le 2025-05-23 a\u0300 20.40.16\" data-image-description=\"\" data-medium-file=\"https:\/\/i0.wp.com\/itayachtscanada.com\/wp-content\/uploads\/2025\/05\/Capture-decran-le-2025-05-23-a-20.40.16.jpg?fit=300%2C199&#038;ssl=1\" data-large-file=\"https:\/\/i0.wp.com\/itayachtscanada.com\/wp-content\/uploads\/2025\/05\/Capture-decran-le-2025-05-23-a-20.40.16.jpg?fit=700%2C463&#038;ssl=1\" src=\"https:\/\/i0.wp.com\/itayachtscanada.com\/wp-content\/uploads\/2025\/05\/Capture-decran-le-2025-05-23-a-20.40.16.jpg?w=242&#038;h=160&#038;ssl=1\" srcset=\"https:\/\/i0.wp.com\/itayachtscanada.com\/wp-content\/uploads\/2025\/05\/Capture-decran-le-2025-05-23-a-20.40.16.jpg?w=1480&amp;ssl=1 1480w, https:\/\/i0.wp.com\/itayachtscanada.com\/wp-content\/uploads\/2025\/05\/Capture-decran-le-2025-05-23-a-20.40.16.jpg?resize=300%2C199&amp;ssl=1 300w, https:\/\/i0.wp.com\/itayachtscanada.com\/wp-content\/uploads\/2025\/05\/Capture-decran-le-2025-05-23-a-20.40.16.jpg?resize=1024%2C678&amp;ssl=1 1024w, https:\/\/i0.wp.com\/itayachtscanada.com\/wp-content\/uploads\/2025\/05\/Capture-decran-le-2025-05-23-a-20.40.16.jpg?resize=768%2C509&amp;ssl=1 768w, https:\/\/i0.wp.com\/itayachtscanada.com\/wp-content\/uploads\/2025\/05\/Capture-decran-le-2025-05-23-a-20.40.16.jpg?resize=700%2C464&amp;ssl=1 700w, https:\/\/i0.wp.com\/itayachtscanada.com\/wp-content\/uploads\/2025\/05\/Capture-decran-le-2025-05-23-a-20.40.16.jpg?resize=900%2C600&amp;ssl=1 900w, https:\/\/i0.wp.com\/itayachtscanada.com\/wp-content\/uploads\/2025\/05\/Capture-decran-le-2025-05-23-a-20.40.16.jpg?resize=604%2C400&amp;ssl=1 604w, https:\/\/i0.wp.com\/itayachtscanada.com\/wp-content\/uploads\/2025\/05\/Capture-decran-le-2025-05-23-a-20.40.16.jpg?w=1400&amp;ssl=1 1400w\" width=\"242\" height=\"160\" loading=\"lazy\" data-original-width=\"242\" data-original-height=\"160\" itemprop=\"http:\/\/schema.org\/image\" title=\"Capture d\u2019e\u0301cran, le 2025-05-23 a\u0300 20.40.16\" alt=\"Capture d\u2019e\u0301cran, le 2025-05-23 a\u0300 20.40.16\" style=\"width: 242px; height: 160px;\" \/> <\/a> <\/div> <\/div> <!-- close group --> <div class=\"gallery-group images-1\" style=\"width: 454px; height: 303px;\" data-original-width=\"454\" data-original-height=\"303\" > <div class=\"tiled-gallery-item tiled-gallery-item-large\" itemprop=\"associatedMedia\" itemscope itemtype=\"http:\/\/schema.org\/ImageObject\"> <a href=\"https:\/\/itayachtscanada.com\/fr\/listing\/iliad-53f-2026-2115000-usd-for-sale\/capture-decran-le-2025-05-23-a-20-42-32\/\" border=\"0\" itemprop=\"url\"> <meta itemprop=\"width\" content=\"450\"> <meta itemprop=\"height\" content=\"299\"> <img decoding=\"async\" class=\"\" data-attachment-id=\"235521\" data-orig-file=\"https:\/\/itayachtscanada.com\/wp-content\/uploads\/2025\/05\/Capture-decran-le-2025-05-23-a-20.42.32.jpg\" data-orig-size=\"1476,980\" data-comments-opened=\"1\" data-image-meta=\"{&quot;aperture&quot;:&quot;0&quot;,&quot;credit&quot;:&quot;&quot;,&quot;camera&quot;:&quot;&quot;,&quot;caption&quot;:&quot;&quot;,&quot;created_timestamp&quot;:&quot;0&quot;,&quot;copyright&quot;:&quot;&quot;,&quot;focal_length&quot;:&quot;0&quot;,&quot;iso&quot;:&quot;0&quot;,&quot;shutter_speed&quot;:&quot;0&quot;,&quot;title&quot;:&quot;&quot;,&quot;orientation&quot;:&quot;0&quot;}\" data-image-title=\"Capture d\u2019e\u0301cran, le 2025-05-23 a\u0300 20.42.32\" data-image-description=\"\" data-medium-file=\"https:\/\/i0.wp.com\/itayachtscanada.com\/wp-content\/uploads\/2025\/05\/Capture-decran-le-2025-05-23-a-20.42.32.jpg?fit=300%2C199&#038;ssl=1\" data-large-file=\"https:\/\/i0.wp.com\/itayachtscanada.com\/wp-content\/uploads\/2025\/05\/Capture-decran-le-2025-05-23-a-20.42.32.jpg?fit=700%2C465&#038;ssl=1\" src=\"https:\/\/i0.wp.com\/itayachtscanada.com\/wp-content\/uploads\/2025\/05\/Capture-decran-le-2025-05-23-a-20.42.32.jpg?w=450&#038;h=299&#038;ssl=1\" srcset=\"https:\/\/i0.wp.com\/itayachtscanada.com\/wp-content\/uploads\/2025\/05\/Capture-decran-le-2025-05-23-a-20.42.32.jpg?w=1476&amp;ssl=1 1476w, https:\/\/i0.wp.com\/itayachtscanada.com\/wp-content\/uploads\/2025\/05\/Capture-decran-le-2025-05-23-a-20.42.32.jpg?resize=300%2C199&amp;ssl=1 300w, https:\/\/i0.wp.com\/itayachtscanada.com\/wp-content\/uploads\/2025\/05\/Capture-decran-le-2025-05-23-a-20.42.32.jpg?resize=1024%2C680&amp;ssl=1 1024w, https:\/\/i0.wp.com\/itayachtscanada.com\/wp-content\/uploads\/2025\/05\/Capture-decran-le-2025-05-23-a-20.42.32.jpg?resize=768%2C510&amp;ssl=1 768w, https:\/\/i0.wp.com\/itayachtscanada.com\/wp-content\/uploads\/2025\/05\/Capture-decran-le-2025-05-23-a-20.42.32.jpg?resize=700%2C465&amp;ssl=1 700w, https:\/\/i0.wp.com\/itayachtscanada.com\/wp-content\/uploads\/2025\/05\/Capture-decran-le-2025-05-23-a-20.42.32.jpg?resize=900%2C600&amp;ssl=1 900w, https:\/\/i0.wp.com\/itayachtscanada.com\/wp-content\/uploads\/2025\/05\/Capture-decran-le-2025-05-23-a-20.42.32.jpg?resize=602%2C400&amp;ssl=1 602w, https:\/\/i0.wp.com\/itayachtscanada.com\/wp-content\/uploads\/2025\/05\/Capture-decran-le-2025-05-23-a-20.42.32.jpg?w=1400&amp;ssl=1 1400w\" width=\"450\" height=\"299\" loading=\"lazy\" data-original-width=\"450\" data-original-height=\"299\" itemprop=\"http:\/\/schema.org\/image\" title=\"Capture d\u2019e\u0301cran, le 2025-05-23 a\u0300 20.42.32\" alt=\"Capture d\u2019e\u0301cran, le 2025-05-23 a\u0300 20.42.32\" style=\"width: 450px; height: 299px;\" \/> <\/a> <\/div> <\/div> <!-- close group --> <\/div> <!-- close row --> <div class=\"gallery-row\" style=\"width: 700px; height: 302px;\" data-original-width=\"700\" data-original-height=\"302\" > <div class=\"gallery-group images-1\" style=\"width: 455px; height: 302px;\" data-original-width=\"455\" data-original-height=\"302\" > <div class=\"tiled-gallery-item tiled-gallery-item-large\" itemprop=\"associatedMedia\" itemscope itemtype=\"http:\/\/schema.org\/ImageObject\"> <a href=\"https:\/\/itayachtscanada.com\/fr\/listing\/iliad-53f-2026-2115000-usd-for-sale\/capture-decran-le-2025-05-23-a-20-40-13\/\" border=\"0\" itemprop=\"url\"> <meta itemprop=\"width\" content=\"451\"> <meta itemprop=\"height\" content=\"298\"> <img decoding=\"async\" class=\"\" data-attachment-id=\"235542\" data-orig-file=\"https:\/\/itayachtscanada.com\/wp-content\/uploads\/2025\/05\/Capture-decran-le-2025-05-23-a-20.40.13.jpg\" data-orig-size=\"1480,980\" data-comments-opened=\"1\" data-image-meta=\"{&quot;aperture&quot;:&quot;0&quot;,&quot;credit&quot;:&quot;&quot;,&quot;camera&quot;:&quot;&quot;,&quot;caption&quot;:&quot;&quot;,&quot;created_timestamp&quot;:&quot;0&quot;,&quot;copyright&quot;:&quot;&quot;,&quot;focal_length&quot;:&quot;0&quot;,&quot;iso&quot;:&quot;0&quot;,&quot;shutter_speed&quot;:&quot;0&quot;,&quot;title&quot;:&quot;&quot;,&quot;orientation&quot;:&quot;0&quot;}\" data-image-title=\"Capture d\u2019e\u0301cran, le 2025-05-23 a\u0300 20.40.13\" data-image-description=\"\" data-medium-file=\"https:\/\/i0.wp.com\/itayachtscanada.com\/wp-content\/uploads\/2025\/05\/Capture-decran-le-2025-05-23-a-20.40.13.jpg?fit=300%2C199&#038;ssl=1\" data-large-file=\"https:\/\/i0.wp.com\/itayachtscanada.com\/wp-content\/uploads\/2025\/05\/Capture-decran-le-2025-05-23-a-20.40.13.jpg?fit=700%2C463&#038;ssl=1\" src=\"https:\/\/i0.wp.com\/itayachtscanada.com\/wp-content\/uploads\/2025\/05\/Capture-decran-le-2025-05-23-a-20.40.13.jpg?w=451&#038;h=298&#038;ssl=1\" srcset=\"https:\/\/i0.wp.com\/itayachtscanada.com\/wp-content\/uploads\/2025\/05\/Capture-decran-le-2025-05-23-a-20.40.13.jpg?w=1480&amp;ssl=1 1480w, https:\/\/i0.wp.com\/itayachtscanada.com\/wp-content\/uploads\/2025\/05\/Capture-decran-le-2025-05-23-a-20.40.13.jpg?resize=300%2C199&amp;ssl=1 300w, https:\/\/i0.wp.com\/itayachtscanada.com\/wp-content\/uploads\/2025\/05\/Capture-decran-le-2025-05-23-a-20.40.13.jpg?resize=1024%2C678&amp;ssl=1 1024w, https:\/\/i0.wp.com\/itayachtscanada.com\/wp-content\/uploads\/2025\/05\/Capture-decran-le-2025-05-23-a-20.40.13.jpg?resize=768%2C509&amp;ssl=1 768w, https:\/\/i0.wp.com\/itayachtscanada.com\/wp-content\/uploads\/2025\/05\/Capture-decran-le-2025-05-23-a-20.40.13.jpg?resize=700%2C464&amp;ssl=1 700w, https:\/\/i0.wp.com\/itayachtscanada.com\/wp-content\/uploads\/2025\/05\/Capture-decran-le-2025-05-23-a-20.40.13.jpg?resize=604%2C400&amp;ssl=1 604w, https:\/\/i0.wp.com\/itayachtscanada.com\/wp-content\/uploads\/2025\/05\/Capture-decran-le-2025-05-23-a-20.40.13.jpg?w=1400&amp;ssl=1 1400w\" width=\"451\" height=\"298\" loading=\"lazy\" data-original-width=\"451\" data-original-height=\"298\" itemprop=\"http:\/\/schema.org\/image\" title=\"Capture d\u2019e\u0301cran, le 2025-05-23 a\u0300 20.40.13\" alt=\"Capture d\u2019e\u0301cran, le 2025-05-23 a\u0300 20.40.13\" style=\"width: 451px; height: 298px;\" \/> <\/a> <\/div> <\/div> <!-- close group --> <div class=\"gallery-group images-2\" style=\"width: 245px; height: 302px;\" data-original-width=\"245\" data-original-height=\"302\" > <div class=\"tiled-gallery-item tiled-gallery-item-small\" itemprop=\"associatedMedia\" itemscope itemtype=\"http:\/\/schema.org\/ImageObject\"> <a href=\"https:\/\/itayachtscanada.com\/fr\/listing\/iliad-53f-2026-2115000-usd-for-sale\/capture-decran-le-2025-05-23-a-20-42-25\/\" border=\"0\" itemprop=\"url\"> <meta itemprop=\"width\" content=\"241\"> <meta itemprop=\"height\" content=\"134\"> <img decoding=\"async\" class=\"\" data-attachment-id=\"235522\" data-orig-file=\"https:\/\/itayachtscanada.com\/wp-content\/uploads\/2025\/05\/Capture-decran-le-2025-05-23-a-20.42.25.jpg\" data-orig-size=\"1758,980\" data-comments-opened=\"1\" data-image-meta=\"{&quot;aperture&quot;:&quot;0&quot;,&quot;credit&quot;:&quot;&quot;,&quot;camera&quot;:&quot;&quot;,&quot;caption&quot;:&quot;&quot;,&quot;created_timestamp&quot;:&quot;0&quot;,&quot;copyright&quot;:&quot;&quot;,&quot;focal_length&quot;:&quot;0&quot;,&quot;iso&quot;:&quot;0&quot;,&quot;shutter_speed&quot;:&quot;0&quot;,&quot;title&quot;:&quot;&quot;,&quot;orientation&quot;:&quot;0&quot;}\" data-image-title=\"Capture d\u2019e\u0301cran, le 2025-05-23 a\u0300 20.42.25\" data-image-description=\"\" data-medium-file=\"https:\/\/i0.wp.com\/itayachtscanada.com\/wp-content\/uploads\/2025\/05\/Capture-decran-le-2025-05-23-a-20.42.25.jpg?fit=300%2C167&#038;ssl=1\" data-large-file=\"https:\/\/i0.wp.com\/itayachtscanada.com\/wp-content\/uploads\/2025\/05\/Capture-decran-le-2025-05-23-a-20.42.25.jpg?fit=700%2C390&#038;ssl=1\" src=\"https:\/\/i0.wp.com\/itayachtscanada.com\/wp-content\/uploads\/2025\/05\/Capture-decran-le-2025-05-23-a-20.42.25.jpg?w=241&#038;h=134&#038;ssl=1\" srcset=\"https:\/\/i0.wp.com\/itayachtscanada.com\/wp-content\/uploads\/2025\/05\/Capture-decran-le-2025-05-23-a-20.42.25.jpg?w=1758&amp;ssl=1 1758w, https:\/\/i0.wp.com\/itayachtscanada.com\/wp-content\/uploads\/2025\/05\/Capture-decran-le-2025-05-23-a-20.42.25.jpg?resize=300%2C167&amp;ssl=1 300w, https:\/\/i0.wp.com\/itayachtscanada.com\/wp-content\/uploads\/2025\/05\/Capture-decran-le-2025-05-23-a-20.42.25.jpg?resize=1024%2C571&amp;ssl=1 1024w, https:\/\/i0.wp.com\/itayachtscanada.com\/wp-content\/uploads\/2025\/05\/Capture-decran-le-2025-05-23-a-20.42.25.jpg?resize=768%2C428&amp;ssl=1 768w, https:\/\/i0.wp.com\/itayachtscanada.com\/wp-content\/uploads\/2025\/05\/Capture-decran-le-2025-05-23-a-20.42.25.jpg?resize=1536%2C856&amp;ssl=1 1536w, https:\/\/i0.wp.com\/itayachtscanada.com\/wp-content\/uploads\/2025\/05\/Capture-decran-le-2025-05-23-a-20.42.25.jpg?resize=700%2C390&amp;ssl=1 700w, https:\/\/i0.wp.com\/itayachtscanada.com\/wp-content\/uploads\/2025\/05\/Capture-decran-le-2025-05-23-a-20.42.25.jpg?resize=718%2C400&amp;ssl=1 718w, https:\/\/i0.wp.com\/itayachtscanada.com\/wp-content\/uploads\/2025\/05\/Capture-decran-le-2025-05-23-a-20.42.25.jpg?w=1400&amp;ssl=1 1400w\" width=\"241\" height=\"134\" loading=\"lazy\" data-original-width=\"241\" data-original-height=\"134\" itemprop=\"http:\/\/schema.org\/image\" title=\"Capture d\u2019e\u0301cran, le 2025-05-23 a\u0300 20.42.25\" alt=\"Capture d\u2019e\u0301cran, le 2025-05-23 a\u0300 20.42.25\" style=\"width: 241px; height: 134px;\" \/> <\/a> <\/div> <div class=\"tiled-gallery-item tiled-gallery-item-small\" itemprop=\"associatedMedia\" itemscope itemtype=\"http:\/\/schema.org\/ImageObject\"> <a href=\"https:\/\/itayachtscanada.com\/fr\/listing\/iliad-53f-2026-2115000-usd-for-sale\/capture-decran-le-2025-05-23-a-20-40-02\/\" border=\"0\" itemprop=\"url\"> <meta itemprop=\"width\" content=\"241\"> <meta itemprop=\"height\" content=\"160\"> <img decoding=\"async\" class=\"\" data-attachment-id=\"235543\" data-orig-file=\"https:\/\/itayachtscanada.com\/wp-content\/uploads\/2025\/05\/Capture-decran-le-2025-05-23-a-20.40.02.jpg\" data-orig-size=\"1480,980\" data-comments-opened=\"1\" data-image-meta=\"{&quot;aperture&quot;:&quot;0&quot;,&quot;credit&quot;:&quot;&quot;,&quot;camera&quot;:&quot;&quot;,&quot;caption&quot;:&quot;&quot;,&quot;created_timestamp&quot;:&quot;0&quot;,&quot;copyright&quot;:&quot;&quot;,&quot;focal_length&quot;:&quot;0&quot;,&quot;iso&quot;:&quot;0&quot;,&quot;shutter_speed&quot;:&quot;0&quot;,&quot;title&quot;:&quot;&quot;,&quot;orientation&quot;:&quot;0&quot;}\" data-image-title=\"Capture d\u2019e\u0301cran, le 2025-05-23 a\u0300 20.40.02\" data-image-description=\"\" data-medium-file=\"https:\/\/i0.wp.com\/itayachtscanada.com\/wp-content\/uploads\/2025\/05\/Capture-decran-le-2025-05-23-a-20.40.02.jpg?fit=300%2C199&#038;ssl=1\" data-large-file=\"https:\/\/i0.wp.com\/itayachtscanada.com\/wp-content\/uploads\/2025\/05\/Capture-decran-le-2025-05-23-a-20.40.02.jpg?fit=700%2C463&#038;ssl=1\" src=\"https:\/\/i0.wp.com\/itayachtscanada.com\/wp-content\/uploads\/2025\/05\/Capture-decran-le-2025-05-23-a-20.40.02.jpg?w=241&#038;h=160&#038;ssl=1\" srcset=\"https:\/\/i0.wp.com\/itayachtscanada.com\/wp-content\/uploads\/2025\/05\/Capture-decran-le-2025-05-23-a-20.40.02.jpg?w=1480&amp;ssl=1 1480w, https:\/\/i0.wp.com\/itayachtscanada.com\/wp-content\/uploads\/2025\/05\/Capture-decran-le-2025-05-23-a-20.40.02.jpg?resize=300%2C199&amp;ssl=1 300w, https:\/\/i0.wp.com\/itayachtscanada.com\/wp-content\/uploads\/2025\/05\/Capture-decran-le-2025-05-23-a-20.40.02.jpg?resize=1024%2C678&amp;ssl=1 1024w, https:\/\/i0.wp.com\/itayachtscanada.com\/wp-content\/uploads\/2025\/05\/Capture-decran-le-2025-05-23-a-20.40.02.jpg?resize=768%2C509&amp;ssl=1 768w, https:\/\/i0.wp.com\/itayachtscanada.com\/wp-content\/uploads\/2025\/05\/Capture-decran-le-2025-05-23-a-20.40.02.jpg?resize=700%2C464&amp;ssl=1 700w, https:\/\/i0.wp.com\/itayachtscanada.com\/wp-content\/uploads\/2025\/05\/Capture-decran-le-2025-05-23-a-20.40.02.jpg?resize=900%2C600&amp;ssl=1 900w, https:\/\/i0.wp.com\/itayachtscanada.com\/wp-content\/uploads\/2025\/05\/Capture-decran-le-2025-05-23-a-20.40.02.jpg?resize=604%2C400&amp;ssl=1 604w, https:\/\/i0.wp.com\/itayachtscanada.com\/wp-content\/uploads\/2025\/05\/Capture-decran-le-2025-05-23-a-20.40.02.jpg?w=1400&amp;ssl=1 1400w\" width=\"241\" height=\"160\" loading=\"lazy\" data-original-width=\"241\" data-original-height=\"160\" itemprop=\"http:\/\/schema.org\/image\" title=\"Capture d\u2019e\u0301cran, le 2025-05-23 a\u0300 20.40.02\" alt=\"Capture d\u2019e\u0301cran, le 2025-05-23 a\u0300 20.40.02\" style=\"width: 241px; height: 160px;\" \/> <\/a> <\/div> <\/div> <!-- close group --> <\/div> <!-- close row --> <div class=\"gallery-row\" style=\"width: 700px; height: 505px;\" data-original-width=\"700\" data-original-height=\"505\" > <div class=\"gallery-group images-3\" style=\"width: 300px; height: 505px;\" data-original-width=\"300\" data-original-height=\"505\" > <div class=\"tiled-gallery-item tiled-gallery-item-large\" itemprop=\"associatedMedia\" itemscope itemtype=\"http:\/\/schema.org\/ImageObject\"> <a href=\"https:\/\/itayachtscanada.com\/fr\/listing\/iliad-53f-2026-2115000-usd-for-sale\/capture-decran-le-2025-05-23-a-20-39-55\/\" border=\"0\" itemprop=\"url\"> <meta itemprop=\"width\" content=\"296\"> <meta itemprop=\"height\" content=\"165\"> <img decoding=\"async\" class=\"\" data-attachment-id=\"235545\" data-orig-file=\"https:\/\/itayachtscanada.com\/wp-content\/uploads\/2025\/05\/Capture-decran-le-2025-05-23-a-20.39.55.jpg\" data-orig-size=\"1744,968\" data-comments-opened=\"1\" data-image-meta=\"{&quot;aperture&quot;:&quot;0&quot;,&quot;credit&quot;:&quot;&quot;,&quot;camera&quot;:&quot;&quot;,&quot;caption&quot;:&quot;&quot;,&quot;created_timestamp&quot;:&quot;0&quot;,&quot;copyright&quot;:&quot;&quot;,&quot;focal_length&quot;:&quot;0&quot;,&quot;iso&quot;:&quot;0&quot;,&quot;shutter_speed&quot;:&quot;0&quot;,&quot;title&quot;:&quot;&quot;,&quot;orientation&quot;:&quot;0&quot;}\" data-image-title=\"Capture d\u2019e\u0301cran, le 2025-05-23 a\u0300 20.39.55\" data-image-description=\"\" data-medium-file=\"https:\/\/i0.wp.com\/itayachtscanada.com\/wp-content\/uploads\/2025\/05\/Capture-decran-le-2025-05-23-a-20.39.55.jpg?fit=300%2C167&#038;ssl=1\" data-large-file=\"https:\/\/i0.wp.com\/itayachtscanada.com\/wp-content\/uploads\/2025\/05\/Capture-decran-le-2025-05-23-a-20.39.55.jpg?fit=700%2C388&#038;ssl=1\" src=\"https:\/\/i0.wp.com\/itayachtscanada.com\/wp-content\/uploads\/2025\/05\/Capture-decran-le-2025-05-23-a-20.39.55.jpg?w=296&#038;h=165&#038;ssl=1\" srcset=\"https:\/\/i0.wp.com\/itayachtscanada.com\/wp-content\/uploads\/2025\/05\/Capture-decran-le-2025-05-23-a-20.39.55.jpg?w=1744&amp;ssl=1 1744w, https:\/\/i0.wp.com\/itayachtscanada.com\/wp-content\/uploads\/2025\/05\/Capture-decran-le-2025-05-23-a-20.39.55.jpg?resize=300%2C167&amp;ssl=1 300w, https:\/\/i0.wp.com\/itayachtscanada.com\/wp-content\/uploads\/2025\/05\/Capture-decran-le-2025-05-23-a-20.39.55.jpg?resize=1024%2C568&amp;ssl=1 1024w, https:\/\/i0.wp.com\/itayachtscanada.com\/wp-content\/uploads\/2025\/05\/Capture-decran-le-2025-05-23-a-20.39.55.jpg?resize=768%2C426&amp;ssl=1 768w, https:\/\/i0.wp.com\/itayachtscanada.com\/wp-content\/uploads\/2025\/05\/Capture-decran-le-2025-05-23-a-20.39.55.jpg?resize=1536%2C853&amp;ssl=1 1536w, https:\/\/i0.wp.com\/itayachtscanada.com\/wp-content\/uploads\/2025\/05\/Capture-decran-le-2025-05-23-a-20.39.55.jpg?resize=700%2C389&amp;ssl=1 700w, https:\/\/i0.wp.com\/itayachtscanada.com\/wp-content\/uploads\/2025\/05\/Capture-decran-le-2025-05-23-a-20.39.55.jpg?resize=721%2C400&amp;ssl=1 721w, https:\/\/i0.wp.com\/itayachtscanada.com\/wp-content\/uploads\/2025\/05\/Capture-decran-le-2025-05-23-a-20.39.55.jpg?w=1400&amp;ssl=1 1400w\" width=\"296\" height=\"165\" loading=\"lazy\" data-original-width=\"296\" data-original-height=\"165\" itemprop=\"http:\/\/schema.org\/image\" title=\"Capture d\u2019e\u0301cran, le 2025-05-23 a\u0300 20.39.55\" alt=\"Capture d\u2019e\u0301cran, le 2025-05-23 a\u0300 20.39.55\" style=\"width: 296px; height: 165px;\" \/> <\/a> <\/div> <div class=\"tiled-gallery-item tiled-gallery-item-large\" itemprop=\"associatedMedia\" itemscope itemtype=\"http:\/\/schema.org\/ImageObject\"> <a href=\"https:\/\/itayachtscanada.com\/fr\/listing\/iliad-53f-2026-2115000-usd-for-sale\/capture-decran-le-2025-05-23-a-20-39-59\/\" border=\"0\" itemprop=\"url\"> <meta itemprop=\"width\" content=\"296\"> <meta itemprop=\"height\" content=\"164\"> <img decoding=\"async\" class=\"\" data-attachment-id=\"235544\" data-orig-file=\"https:\/\/itayachtscanada.com\/wp-content\/uploads\/2025\/05\/Capture-decran-le-2025-05-23-a-20.39.59.jpg\" data-orig-size=\"1744,968\" data-comments-opened=\"1\" data-image-meta=\"{&quot;aperture&quot;:&quot;0&quot;,&quot;credit&quot;:&quot;&quot;,&quot;camera&quot;:&quot;&quot;,&quot;caption&quot;:&quot;&quot;,&quot;created_timestamp&quot;:&quot;0&quot;,&quot;copyright&quot;:&quot;&quot;,&quot;focal_length&quot;:&quot;0&quot;,&quot;iso&quot;:&quot;0&quot;,&quot;shutter_speed&quot;:&quot;0&quot;,&quot;title&quot;:&quot;&quot;,&quot;orientation&quot;:&quot;0&quot;}\" data-image-title=\"Capture d\u2019e\u0301cran, le 2025-05-23 a\u0300 20.39.59\" data-image-description=\"\" data-medium-file=\"https:\/\/i0.wp.com\/itayachtscanada.com\/wp-content\/uploads\/2025\/05\/Capture-decran-le-2025-05-23-a-20.39.59.jpg?fit=300%2C167&#038;ssl=1\" data-large-file=\"https:\/\/i0.wp.com\/itayachtscanada.com\/wp-content\/uploads\/2025\/05\/Capture-decran-le-2025-05-23-a-20.39.59.jpg?fit=700%2C388&#038;ssl=1\" src=\"https:\/\/i0.wp.com\/itayachtscanada.com\/wp-content\/uploads\/2025\/05\/Capture-decran-le-2025-05-23-a-20.39.59.jpg?w=296&#038;h=164&#038;ssl=1\" srcset=\"https:\/\/i0.wp.com\/itayachtscanada.com\/wp-content\/uploads\/2025\/05\/Capture-decran-le-2025-05-23-a-20.39.59.jpg?w=1744&amp;ssl=1 1744w, https:\/\/i0.wp.com\/itayachtscanada.com\/wp-content\/uploads\/2025\/05\/Capture-decran-le-2025-05-23-a-20.39.59.jpg?resize=300%2C167&amp;ssl=1 300w, https:\/\/i0.wp.com\/itayachtscanada.com\/wp-content\/uploads\/2025\/05\/Capture-decran-le-2025-05-23-a-20.39.59.jpg?resize=1024%2C568&amp;ssl=1 1024w, https:\/\/i0.wp.com\/itayachtscanada.com\/wp-content\/uploads\/2025\/05\/Capture-decran-le-2025-05-23-a-20.39.59.jpg?resize=768%2C426&amp;ssl=1 768w, https:\/\/i0.wp.com\/itayachtscanada.com\/wp-content\/uploads\/2025\/05\/Capture-decran-le-2025-05-23-a-20.39.59.jpg?resize=1536%2C853&amp;ssl=1 1536w, https:\/\/i0.wp.com\/itayachtscanada.com\/wp-content\/uploads\/2025\/05\/Capture-decran-le-2025-05-23-a-20.39.59.jpg?resize=700%2C389&amp;ssl=1 700w, https:\/\/i0.wp.com\/itayachtscanada.com\/wp-content\/uploads\/2025\/05\/Capture-decran-le-2025-05-23-a-20.39.59.jpg?resize=721%2C400&amp;ssl=1 721w, https:\/\/i0.wp.com\/itayachtscanada.com\/wp-content\/uploads\/2025\/05\/Capture-decran-le-2025-05-23-a-20.39.59.jpg?w=1400&amp;ssl=1 1400w\" width=\"296\" height=\"164\" loading=\"lazy\" data-original-width=\"296\" data-original-height=\"164\" itemprop=\"http:\/\/schema.org\/image\" title=\"Capture d\u2019e\u0301cran, le 2025-05-23 a\u0300 20.39.59\" alt=\"Capture d\u2019e\u0301cran, le 2025-05-23 a\u0300 20.39.59\" style=\"width: 296px; height: 164px;\" \/> <\/a> <\/div> <div class=\"tiled-gallery-item tiled-gallery-item-large\" itemprop=\"associatedMedia\" itemscope itemtype=\"http:\/\/schema.org\/ImageObject\"> <a href=\"https:\/\/itayachtscanada.com\/fr\/listing\/iliad-53f-2026-2115000-usd-for-sale\/capture-decran-le-2025-05-23-a-20-39-46\/\" border=\"0\" itemprop=\"url\"> <meta itemprop=\"width\" content=\"296\"> <meta itemprop=\"height\" content=\"164\"> <img decoding=\"async\" class=\"\" data-attachment-id=\"235546\" data-orig-file=\"https:\/\/itayachtscanada.com\/wp-content\/uploads\/2025\/05\/Capture-decran-le-2025-05-23-a-20.39.46.jpg\" data-orig-size=\"1744,968\" data-comments-opened=\"1\" data-image-meta=\"{&quot;aperture&quot;:&quot;0&quot;,&quot;credit&quot;:&quot;&quot;,&quot;camera&quot;:&quot;&quot;,&quot;caption&quot;:&quot;&quot;,&quot;created_timestamp&quot;:&quot;0&quot;,&quot;copyright&quot;:&quot;&quot;,&quot;focal_length&quot;:&quot;0&quot;,&quot;iso&quot;:&quot;0&quot;,&quot;shutter_speed&quot;:&quot;0&quot;,&quot;title&quot;:&quot;&quot;,&quot;orientation&quot;:&quot;0&quot;}\" data-image-title=\"Capture d\u2019e\u0301cran, le 2025-05-23 a\u0300 20.39.46\" data-image-description=\"\" data-medium-file=\"https:\/\/i0.wp.com\/itayachtscanada.com\/wp-content\/uploads\/2025\/05\/Capture-decran-le-2025-05-23-a-20.39.46.jpg?fit=300%2C167&#038;ssl=1\" data-large-file=\"https:\/\/i0.wp.com\/itayachtscanada.com\/wp-content\/uploads\/2025\/05\/Capture-decran-le-2025-05-23-a-20.39.46.jpg?fit=700%2C388&#038;ssl=1\" src=\"https:\/\/i0.wp.com\/itayachtscanada.com\/wp-content\/uploads\/2025\/05\/Capture-decran-le-2025-05-23-a-20.39.46.jpg?w=296&#038;h=164&#038;ssl=1\" srcset=\"https:\/\/i0.wp.com\/itayachtscanada.com\/wp-content\/uploads\/2025\/05\/Capture-decran-le-2025-05-23-a-20.39.46.jpg?w=1744&amp;ssl=1 1744w, https:\/\/i0.wp.com\/itayachtscanada.com\/wp-content\/uploads\/2025\/05\/Capture-decran-le-2025-05-23-a-20.39.46.jpg?resize=300%2C167&amp;ssl=1 300w, https:\/\/i0.wp.com\/itayachtscanada.com\/wp-content\/uploads\/2025\/05\/Capture-decran-le-2025-05-23-a-20.39.46.jpg?resize=1024%2C568&amp;ssl=1 1024w, https:\/\/i0.wp.com\/itayachtscanada.com\/wp-content\/uploads\/2025\/05\/Capture-decran-le-2025-05-23-a-20.39.46.jpg?resize=768%2C426&amp;ssl=1 768w, https:\/\/i0.wp.com\/itayachtscanada.com\/wp-content\/uploads\/2025\/05\/Capture-decran-le-2025-05-23-a-20.39.46.jpg?resize=1536%2C853&amp;ssl=1 1536w, https:\/\/i0.wp.com\/itayachtscanada.com\/wp-content\/uploads\/2025\/05\/Capture-decran-le-2025-05-23-a-20.39.46.jpg?resize=700%2C389&amp;ssl=1 700w, https:\/\/i0.wp.com\/itayachtscanada.com\/wp-content\/uploads\/2025\/05\/Capture-decran-le-2025-05-23-a-20.39.46.jpg?resize=721%2C400&amp;ssl=1 721w, https:\/\/i0.wp.com\/itayachtscanada.com\/wp-content\/uploads\/2025\/05\/Capture-decran-le-2025-05-23-a-20.39.46.jpg?w=1400&amp;ssl=1 1400w\" width=\"296\" height=\"164\" loading=\"lazy\" data-original-width=\"296\" data-original-height=\"164\" itemprop=\"http:\/\/schema.org\/image\" title=\"Capture d\u2019e\u0301cran, le 2025-05-23 a\u0300 20.39.46\" alt=\"Capture d\u2019e\u0301cran, le 2025-05-23 a\u0300 20.39.46\" style=\"width: 296px; height: 164px;\" \/> <\/a> <\/div> <\/div> <!-- close group --> <div class=\"gallery-group images-1\" style=\"width: 400px; height: 505px;\" data-original-width=\"400\" data-original-height=\"505\" > <div class=\"tiled-gallery-item tiled-gallery-item-large\" itemprop=\"associatedMedia\" itemscope itemtype=\"http:\/\/schema.org\/ImageObject\"> <a href=\"https:\/\/itayachtscanada.com\/fr\/listing\/iliad-53f-2026-2115000-usd-for-sale\/layout-iliad-53f\/\" border=\"0\" itemprop=\"url\"> <meta itemprop=\"width\" content=\"396\"> <meta itemprop=\"height\" content=\"501\"> <img decoding=\"async\" class=\"\" data-attachment-id=\"235547\" data-orig-file=\"https:\/\/itayachtscanada.com\/wp-content\/uploads\/2025\/05\/LAYOUT-ILIAD-53F.jpg\" data-orig-size=\"920,1166\" data-comments-opened=\"1\" data-image-meta=\"{&quot;aperture&quot;:&quot;0&quot;,&quot;credit&quot;:&quot;&quot;,&quot;camera&quot;:&quot;&quot;,&quot;caption&quot;:&quot;&quot;,&quot;created_timestamp&quot;:&quot;0&quot;,&quot;copyright&quot;:&quot;&quot;,&quot;focal_length&quot;:&quot;0&quot;,&quot;iso&quot;:&quot;0&quot;,&quot;shutter_speed&quot;:&quot;0&quot;,&quot;title&quot;:&quot;&quot;,&quot;orientation&quot;:&quot;0&quot;}\" data-image-title=\"LAYOUT ILIAD 53F\" data-image-description=\"\" data-medium-file=\"https:\/\/i0.wp.com\/itayachtscanada.com\/wp-content\/uploads\/2025\/05\/LAYOUT-ILIAD-53F.jpg?fit=237%2C300&#038;ssl=1\" data-large-file=\"https:\/\/i0.wp.com\/itayachtscanada.com\/wp-content\/uploads\/2025\/05\/LAYOUT-ILIAD-53F.jpg?fit=700%2C887&#038;ssl=1\" src=\"https:\/\/i0.wp.com\/itayachtscanada.com\/wp-content\/uploads\/2025\/05\/LAYOUT-ILIAD-53F.jpg?w=396&#038;h=501&#038;ssl=1\" srcset=\"https:\/\/i0.wp.com\/itayachtscanada.com\/wp-content\/uploads\/2025\/05\/LAYOUT-ILIAD-53F.jpg?w=920&amp;ssl=1 920w, https:\/\/i0.wp.com\/itayachtscanada.com\/wp-content\/uploads\/2025\/05\/LAYOUT-ILIAD-53F.jpg?resize=237%2C300&amp;ssl=1 237w, https:\/\/i0.wp.com\/itayachtscanada.com\/wp-content\/uploads\/2025\/05\/LAYOUT-ILIAD-53F.jpg?resize=808%2C1024&amp;ssl=1 808w, https:\/\/i0.wp.com\/itayachtscanada.com\/wp-content\/uploads\/2025\/05\/LAYOUT-ILIAD-53F.jpg?resize=768%2C973&amp;ssl=1 768w, https:\/\/i0.wp.com\/itayachtscanada.com\/wp-content\/uploads\/2025\/05\/LAYOUT-ILIAD-53F.jpg?resize=700%2C887&amp;ssl=1 700w, https:\/\/i0.wp.com\/itayachtscanada.com\/wp-content\/uploads\/2025\/05\/LAYOUT-ILIAD-53F.jpg?resize=316%2C400&amp;ssl=1 316w\" width=\"396\" height=\"501\" loading=\"lazy\" data-original-width=\"396\" data-original-height=\"501\" itemprop=\"http:\/\/schema.org\/image\" title=\"LAYOUT ILIAD 53F\" alt=\"LAYOUT ILIAD 53F\" style=\"width: 396px; height: 501px;\" \/> <\/a> <\/div> <\/div> <!-- close group --> <\/div> <!-- close row --> <div class=\"gallery-row\" style=\"width: 700px; height: 347px;\" data-original-width=\"700\" data-original-height=\"347\" > <div class=\"gallery-group images-1\" style=\"width: 700px; height: 347px;\" data-original-width=\"700\" data-original-height=\"347\" > <div class=\"tiled-gallery-item tiled-gallery-item-large\" itemprop=\"associatedMedia\" itemscope itemtype=\"http:\/\/schema.org\/ImageObject\"> <a href=\"https:\/\/itayachtscanada.com\/fr\/listing\/iliad-53f-2026-2115000-usd-for-sale\/iliad-53f-profil\/\" border=\"0\" itemprop=\"url\"> <meta itemprop=\"width\" content=\"696\"> <meta itemprop=\"height\" content=\"343\"> <img decoding=\"async\" class=\"\" data-attachment-id=\"235548\" data-orig-file=\"https:\/\/itayachtscanada.com\/wp-content\/uploads\/2025\/05\/ILIAD-53F-PROFIL.jpg\" data-orig-size=\"1592,784\" data-comments-opened=\"1\" data-image-meta=\"{&quot;aperture&quot;:&quot;0&quot;,&quot;credit&quot;:&quot;&quot;,&quot;camera&quot;:&quot;&quot;,&quot;caption&quot;:&quot;&quot;,&quot;created_timestamp&quot;:&quot;0&quot;,&quot;copyright&quot;:&quot;&quot;,&quot;focal_length&quot;:&quot;0&quot;,&quot;iso&quot;:&quot;0&quot;,&quot;shutter_speed&quot;:&quot;0&quot;,&quot;title&quot;:&quot;&quot;,&quot;orientation&quot;:&quot;0&quot;}\" data-image-title=\"ILIAD 53F PROFIL\" data-image-description=\"\" data-medium-file=\"https:\/\/i0.wp.com\/itayachtscanada.com\/wp-content\/uploads\/2025\/05\/ILIAD-53F-PROFIL.jpg?fit=300%2C148&#038;ssl=1\" data-large-file=\"https:\/\/i0.wp.com\/itayachtscanada.com\/wp-content\/uploads\/2025\/05\/ILIAD-53F-PROFIL.jpg?fit=700%2C345&#038;ssl=1\" src=\"https:\/\/i0.wp.com\/itayachtscanada.com\/wp-content\/uploads\/2025\/05\/ILIAD-53F-PROFIL.jpg?w=696&#038;h=343&#038;ssl=1\" srcset=\"https:\/\/i0.wp.com\/itayachtscanada.com\/wp-content\/uploads\/2025\/05\/ILIAD-53F-PROFIL.jpg?w=1592&amp;ssl=1 1592w, https:\/\/i0.wp.com\/itayachtscanada.com\/wp-content\/uploads\/2025\/05\/ILIAD-53F-PROFIL.jpg?resize=300%2C148&amp;ssl=1 300w, https:\/\/i0.wp.com\/itayachtscanada.com\/wp-content\/uploads\/2025\/05\/ILIAD-53F-PROFIL.jpg?resize=1024%2C504&amp;ssl=1 1024w, https:\/\/i0.wp.com\/itayachtscanada.com\/wp-content\/uploads\/2025\/05\/ILIAD-53F-PROFIL.jpg?resize=768%2C378&amp;ssl=1 768w, https:\/\/i0.wp.com\/itayachtscanada.com\/wp-content\/uploads\/2025\/05\/ILIAD-53F-PROFIL.jpg?resize=1536%2C756&amp;ssl=1 1536w, https:\/\/i0.wp.com\/itayachtscanada.com\/wp-content\/uploads\/2025\/05\/ILIAD-53F-PROFIL.jpg?resize=700%2C345&amp;ssl=1 700w, https:\/\/i0.wp.com\/itayachtscanada.com\/wp-content\/uploads\/2025\/05\/ILIAD-53F-PROFIL.jpg?resize=812%2C400&amp;ssl=1 812w, https:\/\/i0.wp.com\/itayachtscanada.com\/wp-content\/uploads\/2025\/05\/ILIAD-53F-PROFIL.jpg?w=1400&amp;ssl=1 1400w\" width=\"696\" height=\"343\" loading=\"lazy\" data-original-width=\"696\" data-original-height=\"343\" itemprop=\"http:\/\/schema.org\/image\" title=\"ILIAD 53F PROFIL\" alt=\"ILIAD 53F PROFIL\" style=\"width: 696px; height: 343px;\" \/> <\/a> <\/div> <\/div> <!-- close group --> <\/div> <!-- close row --> <\/div>\n<div class=\"jetpack-video-wrapper\"><span class=\"embed-youtube\" style=\"text-align:center; display: block;\"><iframe loading=\"lazy\" class=\"youtube-player\" width=\"700\" height=\"394\" src=\"https:\/\/www.youtube.com\/embed\/1JjkxTHjrt4?version=3&#038;rel=1&#038;showsearch=0&#038;showinfo=1&#038;iv_load_policy=1&#038;fs=1&#038;hl=fr-FR&#038;autohide=2&#038;wmode=transparent\" allowfullscreen=\"true\" style=\"border:0;\" sandbox=\"allow-scripts allow-same-origin allow-popups allow-presentation allow-popups-to-escape-sandbox\"><\/iframe><\/span><\/div>\n<div class=\"jetpack-video-wrapper\"><span class=\"embed-youtube\" style=\"text-align:center; display: block;\"><iframe loading=\"lazy\" class=\"youtube-player\" width=\"700\" height=\"394\" src=\"https:\/\/www.youtube.com\/embed\/NLYB8zzSoPk?version=3&#038;rel=1&#038;showsearch=0&#038;showinfo=1&#038;iv_load_policy=1&#038;fs=1&#038;hl=fr-FR&#038;autohide=2&#038;wmode=transparent\" allowfullscreen=\"true\" style=\"border:0;\" sandbox=\"allow-scripts allow-same-origin allow-popups allow-presentation allow-popups-to-escape-sandbox\"><\/iframe><\/span><\/div>\n<div class=\"jetpack-video-wrapper\"><span class=\"embed-youtube\" style=\"text-align:center; display: block;\"><iframe loading=\"lazy\" class=\"youtube-player\" width=\"700\" height=\"394\" src=\"https:\/\/www.youtube.com\/embed\/ANHzFquS2mY?version=3&#038;rel=1&#038;showsearch=0&#038;showinfo=1&#038;iv_load_policy=1&#038;fs=1&#038;hl=fr-FR&#038;autohide=2&#038;wmode=transparent\" allowfullscreen=\"true\" style=\"border:0;\" sandbox=\"allow-scripts allow-same-origin allow-popups allow-presentation allow-popups-to-escape-sandbox\"><\/iframe><\/span><\/div>\n<p><strong>\u00a0<\/strong><\/p>\n<p>&nbsp;<\/p>\n<p><strong>Ita Yachts Canada propose de vous assister et de voir \u00e0 vos int\u00e9r\u00eats pour l\u2019achat de ce yacht qui est \u00e0 vendre par une autre organisation. Nous serons pr\u00e9sents lors de l\u2019inspection et tout au long de la transaction et ce peu importe sa localisation. L\u2019\u00e9quipe d\u2019Ita Yachts Canada se soumet au plus haut standard d\u2019\u00e9thique.<\/strong><\/p>\n<p>Mat\u00e9riaux structurels<br \/>\nFond et c\u00f4t\u00e9s de la coque : sandwich de PRV et de PVC (densit\u00e9 80-100 kg\/m\u00b3).<br \/>\nPont principal et rouf : sandwich de PRV et de PVC (densit\u00e9 60 kg\/m\u00b3).<br \/>\nStratification de la coque : toutes en r\u00e9sine vinylester.<br \/>\nTous les autres stratifi\u00e9s : r\u00e9sine isophtalique de polyester.<br \/>\nPrincipaux stratifi\u00e9s : construits par infusion.<br \/>\nRaidisseurs en PRV : stratifi\u00e9s \u00e0 la main directement sur les stratifi\u00e9s de la coque, sur des formateurs en PVC.<br \/>\nGelcoat DSM : couleur blanche.<br \/>\nSemelle structurelle de la cabine du pont inf\u00e9rieur : Sandwich GRP.<br \/>\nCloisons \u00e9tanches et structurelles : sandwich de PRV et de PVC (densit\u00e9 80 kg\/m\u00b3).<br \/>\nCloisons de s\u00e9paration : contreplaqu\u00e9 marin.<br \/>\nCloisons : fix\u00e9es \u00e0 la coque par stratification.<br \/>\nR\u00e9servoirs de carburant ind\u00e9pendants : aluminium 5052.<br \/>\nR\u00e9servoirs d&rsquo;eau douce ind\u00e9pendants : acier inoxydable.<br \/>\nR\u00e9servoirs d&rsquo;eaux grises et noires : aluminium 5052.<br \/>\nSalle des machines et syst\u00e8mes marins<br \/>\n2 moteurs Cummins de 440HP.<br \/>\nPropulseur d&rsquo;\u00e9trave (1).<br \/>\nG\u00e9n\u00e9rateur Onan 13,5 kW avec silencieux et s\u00e9parateur de gaz et d&rsquo;eau.<br \/>\nClimatisation : 65 000 BTU Climma CWS (avec inverseur).<br \/>\n2 x salles des machines avec acc\u00e8s par une \u00e9coutille sur le pont principal.<br \/>\nIsolation de la salle des machines : Mat\u00e9riaux Pyrotek Sorberbarrier.<br \/>\nCollage : bande de cuivre, 4 x 32 mm.<br \/>\n2 x bo\u00eetes d&rsquo;entra\u00eenement d&rsquo;arbre.<br \/>\n2 x arbres en acier inoxydable duplex.<br \/>\nTube d&rsquo;\u00e9tambot en GRP.<br \/>\n2 x gouvernails en acier inoxydable 316L.<br \/>\n2 x h\u00e9lices (Cu3), 4 pales fixes.<br \/>\nSyst\u00e8me de direction hydraulique : Sea-Star avec barre hydraulique Sea-Star.<br \/>\nSilencieux Centek pour les moteurs principaux et le g\u00e9n\u00e9rateur.<br \/>\n2 x entr\u00e9es d&rsquo;air pour la salle des machines avec \u00e9liminateurs d&rsquo;humidit\u00e9.<\/p>\n<p>2 x souffleurs d&rsquo;air pour la ventilation forc\u00e9e de la salle des machines.<br \/>\n4 x clapets coupe-feu avec fermeture \u00e0 distance.<br \/>\n2 x syst\u00e8mes automatiques d&rsquo;extinction d&rsquo;incendie (Seafire) avec capteur de chaleur et alarme.<br \/>\n2 x filtres \u00e0 carburant pour le moteur.<br \/>\nFiltre \u00e0 carburant du groupe \u00e9lectrog\u00e8ne.<br \/>\nPompe de transfert de carburant.<br \/>\nTuyau de carburant : Trident 365.<br \/>\n8 pompes de cale dans tout le bateau avec alarme de niveau d&rsquo;eau \u00e9lev\u00e9.<br \/>\n1 x chauffe-eau 60L\/16gal.<br \/>\n2 pompes d&rsquo;eau douce.<br \/>\n3 pompes de puisard pour les eaux grises et un r\u00e9servoir.<br \/>\nPompe dilac\u00e9ratrice pour les eaux grises.<br \/>\nPompe dilac\u00e9ratrice pour les eaux noires.<br \/>\n3 x points de lavage de pont (cockpit, proue, flybridge).<br \/>\n2 x cam\u00e9ras pour la salle des machines.<br \/>\n1 x cam\u00e9ra d&rsquo;accostage.<br \/>\nIntercepteurs.<br \/>\nSyst\u00e8me \u00e9lectrique<br \/>\nSyst\u00e8me \u00e9lectrique reli\u00e9 avec plaque de terre.<br \/>\nSyst\u00e8mes de bord 24VDC, 220\/110VAC.<br \/>\n2 x batteries de d\u00e9marrage de type gel AGM pour le moteur, 150 Ah.<br \/>\n1 x batterie de d\u00e9marrage AGM au gel pour le g\u00e9n\u00e9rateur, 150 Ah.<br \/>\nBatterie domestique au lithium 24V 600 Ah.<br \/>\nOnduleur\/Chargeur : Victron Multiplus 24\/5000\/120.<br \/>\nConvertisseur : Victron Orion 24\/12-40.<br \/>\nInterrupteurs Vimar.<br \/>\nDisjoncteurs et fusibles : BEP.<br \/>\nLampes LED int\u00e9rieures\/ext\u00e9rieures Quick Spa.<br \/>\nFeux de navigation et de mouillage Hella Marine.<br \/>\nTableaux de distribution principaux : AC\/DC.<br \/>\n2 x cordons d&rsquo;alimentation \u00e0 quai : 50A (Marinco).<br \/>\nPrises 220\/110V (Vimar) dans tout le bateau.<br \/>\nElectronique<br \/>\nPilote automatique avec t\u00eate de commande : Raymarine P70.<br \/>\n2 x \u00e9crans multifonctions : Raymarine Axiom Pro 16&Prime; (1 x flybridge, 1 x pont principal).<br \/>\nRaymarine i70, \u00e9chosondeur, GPS RS 130, y compris la dorsale et les c\u00e2bles Raymarine.<br \/>\nAIS avec antenne.<br \/>\nVHF avec antenne.<br \/>\nSondeur Raymarine : CP 100 + CPT 120.<br \/>\nRadar Raymarine : FLIR Quantum Q24C.<\/p>\n<p>Compteur de cha\u00eene.<br \/>\nAm\u00e9nagement ext\u00e9rieur<br \/>\nTable pliante en teck pour le cockpit arri\u00e8re.<br \/>\nTable basse\/salle \u00e0 manger du flybridge en teck avec socle fixe.<br \/>\nGril \u00e9lectrique : Kenyon Texan, acier inoxydable avec hotte (cuisine du flybridge).<br \/>\nMachine \u00e0 gla\u00e7ons : Vitrifrigo IM XT OCX2 HYDRO (cuisine du flybridge).<br \/>\nKlaxon.<br \/>\nPhare de recherche avec commande \u00e0 distance sur le tableau de bord.<br \/>\n6 x d\u00e9fenses et amarres.<br \/>\nCouche d&rsquo;appr\u00eat, antifouling (noir).<br \/>\nPeinture Propspeed sur les arbres et les h\u00e9lices.<br \/>\nQuille structurelle de la coque.<br \/>\n7 x hublots de coque.<br \/>\nRub-rail en acier inoxydable sur le c\u00f4t\u00e9 de la coque.<br \/>\n4 x panneaux de pont : Lewmar.<br \/>\nGrand panneau de pare-brise sur le pont principal.<br \/>\n8 x taquets d&rsquo;amarrage en acier inoxydable (13\u00ab ), 2 x bollards en acier inoxydable (15 \u00bb).<br \/>\nGuindeau vertical : Quick, 2000W 24V, avec compteur de cha\u00eene.<br \/>\nMains courantes en inox 316L sur le pont principal et le flybridge.<br \/>\nPortes arri\u00e8re du cockpit en acier inoxydable.<br \/>\n2 x robinets de douche chaud\/froid sur les marches du tableau arri\u00e8re b\u00e2bord et tribord.<br \/>\n\u00c9chelle de bain Swissway avec garde-corps Carina, t\u00e9lescopique 3+2, cach\u00e9e et encastr\u00e9e dans le tableau arri\u00e8re.<br \/>\n2 balcons de proue en acier inoxydable avec si\u00e8ges en teck.<br \/>\nHard-top en fibre de verre avec m\u00e2t de navigation en acier inoxydable.<br \/>\nPoste de pilotage sur le flybridge.<br \/>\nR\u00e9frig\u00e9rateur sur le flybridge.<br \/>\nMeuble de cuisine sur le flybridge avec \u00e9vier, robinet d&rsquo;eau chaude\/froide et plan de travail en solid surface.<br \/>\nPare-brise de flybridge en acier inoxydable 316L et acrylique fonc\u00e9.<br \/>\nCommandes et affichages du moteur au poste de pilotage.<br \/>\nVolant inclinable.<br \/>\nCompas magn\u00e9tique.<br \/>\nTous les coussins ext\u00e9rieurs sont en tissu Sunbrella.<br \/>\nToutes les zones antid\u00e9rapantes en PRV moul\u00e9es dans le stratifi\u00e9.<\/p>\n<p>Trappe d&rsquo;acc\u00e8s \u00e0 l&rsquo;escalier du flybridge.<br \/>\n6 x lumi\u00e8res sous-marines Aqualuma (bleues ou blanches).<br \/>\nPont pos\u00e9 en Flexiteek (marches d&#8217;embarquement, cockpit, escalier de flybridge et flybridge).<br \/>\nPorte de flybridge pour fermer l&rsquo;acc\u00e8s au pont sup\u00e9rieur arri\u00e8re.<br \/>\nAncre Lewmar (DTX 40kgs\/88lbs) avec 60m\/196ft x 10mm\/3&rsquo;8&Prime; cha\u00eene \u00e0 maillons courts.<br \/>\nSyst\u00e8me de levage \u00e0 bossoir en acier inoxydable avec treuil \u00e9lectrique (250 kg).<br \/>\nAntenne TV : Glomex.<br \/>\nAm\u00e9nagement int\u00e9rieur<br \/>\nLave-linge\/s\u00e8che-linge combin\u00e9.<br \/>\nLave-vaisselle.<br \/>\nSyst\u00e8me de divertissement Fusion (2 haut-parleurs dans le salon et le cockpit avec t\u00e9l\u00e9commande, amplificateur et caisson de basse).<br \/>\nT\u00e9l\u00e9viseur \u00e9lectrique dans le salon (convient pour un t\u00e9l\u00e9viseur de 50&Prime;, pas en standard).<br \/>\nR\u00e9frig\u00e9rateur-cong\u00e9lateur.<br \/>\nPlaque de cuisson \u00e0 induction.<br \/>\nCombinaison four-micro-ondes (cuisine).<br \/>\nMains courantes int\u00e9rieures en acier inoxydable 316L.<br \/>\nComptoirs de cuisine et de salle de bain en surface solide (LG HI-MACS).<br \/>\nSyst\u00e8mes de tiroirs et charni\u00e8res d&rsquo;armoires BLUM.<br \/>\nParquet stratifi\u00e9 dans la cuisine et la salle \u00e0 manger du pont principal.<br \/>\nPlancher en teck dans toutes les salles de bains.<br \/>\nMeubles et d\u00e9corations int\u00e9rieures en bois plaqu\u00e9.<br \/>\nPlafonds et panneaux muraux en cuir synth\u00e9tique.<br \/>\nCanap\u00e9s et si\u00e8ges recouverts de cuir synth\u00e9tique (Ultra leather by Ultra Fabrics).<br \/>\nTable basse de salon avec deux ottomans.<br \/>\nTable de dinette avec deux tabourets.<br \/>\nTiroir de rangement sous le canap\u00e9 de la d\u00eenette.<br \/>\nMeuble \u00e0 liqueurs int\u00e9gr\u00e9 au comptoir de la cuisine (Option A).<br \/>\nCuir fonc\u00e9 au poste de pilotage du pont principal et au-dessus du meuble TV.<br \/>\nStores manuels sur toutes les fen\u00eatres de la coque.<br \/>\nMatelas \u00e0 m\u00e9moire de forme.<br \/>\n\u00c9vier en inox avec robinet d&rsquo;eau (chaud\/froid).<br \/>\nHotte au-dessus de la plaque de cuisson.<\/p>\n<p>Ventilateurs d&rsquo;extraction d&rsquo;air dans toutes les salles de bains.<br \/>\nToilettes \u00e9lectriques Planus avec broyeur.<br \/>\nLavabos en c\u00e9ramique.<br \/>\nAccessoires de salle de bains et de douche (Kohler).<br \/>\nCabine de douche s\u00e9par\u00e9e avec caillebotis en teck dans chaque salle de bain.<br \/>\nMoquette sur les ponts inf\u00e9rieurs et le salon avant du pont principal.<br \/>\nStores motoris\u00e9s sur le pont principal.<br \/>\nR\u00e9frig\u00e9rateur-cong\u00e9lateur 1 tiroir 70L dans la banquette de la cuisine.<br \/>\nPoste de pilotage sur le pont principal avec instrumentation moteur, essuie-glace et double si\u00e8ge de pilotage Besenzoni Dragonfly r\u00e9glable (avant et arri\u00e8re).<\/p>\n<p>&nbsp;<\/p>\n<p><strong><span style=\"color: black;\">AVIS DE NON-RESPONSABILIT\u00c9<\/span><\/strong><\/p>\n<p><strong><span style=\"color: black; font-weight: normal;\">Le bateau qui est pr\u00e9sent\u00e9 sur cette page, l\u2019est uniquement \u00e0 titre d\u2019information et n\u2019est pas n\u00e9cessairement toujours disponible \u00e0 la vente et\/ou \u00e0 la location.<\/span><\/strong><span class=\"apple-converted-space\"><b><span style=\"color: black;\">\u00a0<\/span><\/b><\/span><strong><span style=\"color: black; font-weight: normal;\">Ce bateau est peut-\u00eatre offert sous r\u00e9serve, il faut v\u00e9rifier sa disponibilit\u00e9.<\/span><\/strong><span class=\"apple-converted-space\"><b><span style=\"color: black;\">\u00a0<\/span><\/b><\/span><strong><span style=\"color: black; font-weight: normal;\">\u00a0Ce document ou cette annonce n\u2019est pas contractuel. Les informations sur les bateaux affich\u00e9es dans les r\u00e9sultats ci-dessus sont pr\u00e9sent\u00e9es en toute bonne foi et, bien qu\u2019elles soient consid\u00e9r\u00e9es comme correctes, elles ne sont pas garanties. Ita Yachts Canada ne garantit pas et n\u2019assume aucune responsabilit\u00e9 l\u00e9gale ou responsabilit\u00e9 pour l\u2019exactitude, l\u2019exhaustivit\u00e9 ou l\u2019utilit\u00e9 des informations et\/ou des images affich\u00e9es, car elles peuvent ne pas \u00eatre \u00e0 jour ou encore \u00eatres des images d\u2019un bateau comparable. Toutes les informations sur les bateaux peuvent \u00eatre modifi\u00e9es sans pr\u00e9avis et sont sans garantie.<\/span><\/strong><span class=\"apple-converted-space\"><b><span style=\"color: black;\">\u00a0<\/span><\/b><\/span><strong><span style=\"color: black; font-weight: normal;\">Ce bateau est peut-\u00eatre offert par un autre courtier ouvert au co-courtage (co-brokerage).<\/span><\/strong><\/p>\n<\/div>\n<\/div>\n<\/div>\n<\/div>\n<\/div>\n<\/div>\n<\/div>\n<\/div>\n<\/div>\n<\/div>\n<\/div>\n<p>&nbsp;<\/p>\n<div data-test='contact-form'\n\t\t\tid='contact-form-235459'\n\t\t\tclass='jetpack-contact-form-container '\n\t\t\tdata-wp-interactive='jetpack\/form' data-wp-context='{\"formId\":\"235459\",\"formHash\":\"43a29713949f94a22068dbaab487cb7f17c9f724\",\"showErrors\":false,\"errors\":[],\"fields\":[],\"isMultiStep\":false,\"useAjax\":false,\"submissionData\":null,\"formattedSubmissionData\":[],\"submissionSuccess\":false,\"submissionError\":null,\"elementId\":\"jp-form-43a29713949f94a22068dbaab487cb7f17c9f724\",\"isSingleInputForm\":false,\"isForcedHorizontal\":false}'\n\t\t\tdata-wp-watch--scroll-to-wrapper=\"callbacks.scrollToWrapper\"\n\t\t>\n<div class=\"contact-form-submission contact-form-ajax-submission\" data-wp-bind--aria-hidden=\"state.isSuccessMessageAriaHidden\" data-wp-class--submission-success=\"context.submissionSuccess\" id=\"contact-form-success-43a29713949f94a22068dbaab487cb7f17c9f724\" tabindex=\"-1\" aria-labelledby=\"contact-form-success-header-43a29713949f94a22068dbaab487cb7f17c9f724\"><p class=\"go-back-message\"><a class=\"link\" role=\"button\" tabindex=\"0\" data-wp-on--click=\"actions.goBack\" href=\"\/fr\/wp-json\/wp\/v2\/listing\/235459\">\u2190 Retour<\/a><\/p><h4 data-wp-bind--aria-hidden=\"state.isSuccessMessageAriaHidden\" id=\"contact-form-success-header-43a29713949f94a22068dbaab487cb7f17c9f724\">Merci pour votre r\u00e9ponse. \u2728<\/h4>\n\n<template data-wp-each--submission=\"context.formattedSubmissionData\">\n\t\t\t\t\t<div class=\"jetpack_forms_contact-form-success-summary\">\n\t\t\t\t\t\t<div class=\"field-name-wrapper\">\n\t\t\t\t\t\t\t<div class=\"field-type-icon\" data-wp-watch=\"callbacks.watchFieldTypeIcon\"><\/div>\n\t\t\t\t\t\t\t<div class=\"field-name\" data-wp-text=\"context.submission.label\" data-wp-bind--hidden=\"!context.submission.label\"><\/div>\n\t\t\t\t\t\t<\/div>\n\t\t\t\t\t\t<div class=\"field-value\" data-wp-text=\"context.submission.value\" data-wp-bind--hidden=\"!context.submission.showPlainValue\"><\/div>\n\t\t\t\t\t\t<a class=\"field-url\" data-wp-bind--href=\"context.submission.url\" data-wp-text=\"context.submission.value\" data-wp-bind--hidden=\"!context.submission.url\" target=\"_blank\" rel=\"noopener noreferrer\"><\/a>\n\t\t\t\t\t\t<div class=\"field-rating\" data-wp-bind--hidden=\"!context.submission.rating\" data-wp-watch=\"callbacks.watchRatingIcons\"><\/div>\n\t\t\t\t\t\t<div class=\"field-images\" data-wp-bind--hidden=\"!context.submission.images\">\n\t\t\t\t\t\t\t<template data-wp-each--image=\"context.submission.images\">\n\t\t\t\t\t\t\t\t<div class=\"field-image-option\" data-wp-class--is-empty=\"!context.image.src\">\n\t\t\t\t\t\t\t\t\t<figure class=\"field-image-option__image\" data-wp-class--is-empty=\"!context.image.src\">\n\t\t\t\t\t\t\t\t\t\t<img data-wp-bind--src=\"context.image.src\" data-wp-bind--hidden=\"!context.image.src\" \/>\n\t\t\t\t\t\t\t\t\t\t<img decoding=\"async\" src=\"data:image\/gif;base64,R0lGODlhAQABAAD\/ACwAAAAAAQABAAACADs=\" data-wp-bind--hidden=\"context.image.src\" \/>\n\t\t\t\t\t\t\t\t\t<\/figure>\n\t\t\t\t\t\t\t\t\t<div class=\"field-image-option__label-wrapper\">\n\t\t\t\t\t\t\t\t\t\t<span class=\"field-image-option__label-code\" data-wp-text=\"context.image.letterCode\"><\/span>\n\t\t\t\t\t\t\t\t\t\t<span class=\"field-image-option__label\" data-wp-text=\"context.image.label\" data-wp-bind--hidden=\"!context.image.label\"><\/span>\n\t\t\t\t\t\t\t\t\t<\/div>\n\t\t\t\t\t\t\t\t<\/div>\n\t\t\t\t\t\t\t<\/template>\n\t\t\t\t\t\t<\/div>\n\t\t\t\t\t\t<div class=\"field-files\" data-wp-bind--hidden=\"!context.submission.files\">\n\t\t\t\t\t\t\t<template data-wp-each--file=\"context.submission.files\">\n\t\t\t\t\t\t\t\t<div class=\"field-file\">\n\t\t\t\t\t\t\t\t\t<div class=\"field-file__thumbnail\" data-wp-style--background-image=\"context.file.previewUrl\" data-wp-style--mask-image=\"context.file.iconUrl\" data-wp-bind--hidden=\"!context.file.hasPreview\"><\/div>\n\t\t\t\t\t\t\t\t\t<svg class=\"field-file__icon\" data-wp-bind--hidden=\"context.file.hasPreview\" width=\"20\" height=\"20\" viewBox=\"0 0 24 24\" fill=\"none\" xmlns=\"http:\/\/www.w3.org\/2000\/svg\" aria-hidden=\"true\">\n\t\t\t\t\t\t\t\t\t\t<path d=\"M14 2H6C4.9 2 4 2.9 4 4V20C4 21.1 4.89 22 5.99 22H18C19.1 22 20 21.1 20 20V8L14 2ZM18 20H6V4H13V9H18V20Z\" fill=\"currentColor\"\/>\n\t\t\t\t\t\t\t\t\t<\/svg>\n\t\t\t\t\t\t\t\t\t<span class=\"field-file__name\" data-wp-text=\"context.file.name\"><\/span>\n\t\t\t\t\t\t\t\t\t<span class=\"field-file__size\" data-wp-text=\"context.file.size\"><\/span>\n\t\t\t\t\t\t\t\t<\/div>\n\t\t\t\t\t\t\t<\/template>\n\t\t\t\t\t\t<\/div>\n\t\t\t\t\t<\/div>\n\t\t\t\t<\/template><\/div><form action='https:\/\/itayachtscanada.com\/fr\/listing\/iliad-53f-2026-2115000-usd-for-sale\/'\n\t\t\t\tid='jp-form-43a29713949f94a22068dbaab487cb7f17c9f724'\n\t\t\t\tmethod='post'\n\t\t\t\tclass='contact-form commentsblock jetpack-contact-form__form has-no-jetpack-form-layout' aria-label=\"{:en}Iliad 53F 2026 $2,115,000 usd for sale{:}{:fr}Iliad 53F 2026 $2,115,000 usd \u00e0 vendre{:}\"\n\t\t\t\tdata-wp-on--submit=\"actions.onFormSubmit\"\n\t\t\t\tdata-wp-on--reset=\"actions.onFormReset\"\n\t\t\t\tdata-wp-class--submission-success=\"context.submissionSuccess\"\n\t\t\t\tdata-wp-class--is-first-step=\"state.isFirstStep\"\n\t\t\t\tdata-wp-class--is-last-step=\"state.isLastStep\"\n\t\t\t\tdata-wp-class--is-ajax-form=\"context.useAjax\"\n\t\t\t\tnovalidate >\n<input type='hidden' name='jetpack_contact_form_jwt' value='eyJ0eXAiOiJKV1QiLCJhbGciOiJIUzI1NiJ9.eyJlbmNyeXB0ZWRfYXR0cmlidXRlcyI6IllpQXhVK25WQTViVE5GQitHTkRPa28wL2VZRXpwd0g1cmZid0Z0Vy90TWtKaWI1RE1xdDdqSXdYUUw1WThXNkZDQVZEeG1nbWdvaVdjMkhEcGd3Z2hPZklOVDJxRnNVUW44TnNYek03S2RFemMxYlFhOEYxcEx3S2cyRXorVmJPZkhJMTVNQjdSRmNjMEhhM1g2WHJpWm41TXN5QlJqQUhMWVVBQXpkaElCeTFEejg4YTdnOWM3aVJlVWFqT2NDcVVDa2RFT3RZb24vMWcxd1V1ZzFOOWxtdWlldXdIdFVpUCtJcE5RYnN5NUlxTmJTSC85aXpMbkw5UlhYRjRUZllUS0V0QnlBN2oyZDdYdDNTbkk0dFdIY0kxQlZuWUdJK0lQRGZOWnowQzJseFZweHVUc2Ztd0RyNDZYUE1CV1Nsb3RacWNkY0w0TGdGM2tCSFRYNyt4ZGp6NlM2eUU4WmtYLzRUWFhMNzJ3M0ZzK3JRY0tXRUd0N3JFR3ROTXRzZ09iNTIvdWk1YTVzRjVCOVJBSGRjRDNyUDFXOHpjYUZ2dUxvNE1OdFdCNHdrUlk1OWpDKzFsZ0I2Qmp2TVNWcEowRDZzem5hU0N2ejljWUIreWNCd0VuU1l0UEJDYVZkSTYra1BkcWYyRmdiS0tpZm5lNENuNVMzYzRHQllwMzBPT0ZlNFNOek1RQ2RVMWZIM3EzOE9IK0JQVjEwUnd4V29wVSsyNnRxVnR2Q21kbXE3MjlrRjJZdGtRbW1zQmlPMFoxRG9GT0lpa3hCUmVsQmlOWmpHaFc2TlJScWxFK0Q4VFZ6NUN0ek9UUGFNL1p1SDZIdHFNT3ZmdVcraEJzR0JiVkl4cHhXR1h6Q0NkRnI4YzNVSytmZ0VyWmNodTBLR3ZCZ2JJci9VL01taUJHWmFkc2d3ekVBUmxZRzYrV1FuVDYvWTgyaGVCR3U2NjFoTjNIeFpqTkhXR1BPYVMvY1dEVmFiY05yaDVqOWZvcUpOQUVqdWEzSExVTHU1eVZoaW9CVnQ3bFBFVzFNUU5JeGNuRHYzblhPdVliejZsbzIxVzloaWQ2dnpBaCs5NnU2MWlRdm01UDRONG8ydGtoS0NsQ2F3Mmc2UC9nejhLb1BRUDFwcE1NMXBhVEtrbUdKT2psUW1YS1Z2QWJFNXRtTk03ZTl2Z3ZpZXVjS0ZLNWF6M3VZc1hCNjFTY1BCQTNLZ2w4SU8wSGlwYkF6Y3hxZnViZmRpYjlSak5QYzRBRm9RIiwiY29udGVudCI6Iltjb250YWN0LWZpZWxkIGxhYmVsPVwiTm9tOlwiIHR5cGU9XCJuYW1lXCIgcmVxdWlyZWQ9XCIxXCJdW2NvbnRhY3QtZmllbGQgbGFiZWw9XCJFLW1haWxcIiB0eXBlPVwiZW1haWxcIiByZXF1aXJlZD1cIjFcIl1bY29udGFjdC1maWVsZCBsYWJlbD1cIkF1IHN1amV0IGRlIGNlIGNhdGFtYXJhbiBtb3RldXI6XCIgdHlwZT1cInRleHRcIl1bY29udGFjdC1maWVsZCBsYWJlbD1cIk1lc3NhZ2VcIiB0eXBlPVwidGV4dGFyZWFcIl0iLCJoYXNoIjoiNDNhMjk3MTM5NDlmOTRhMjIwNjhkYmFhYjQ4N2NiN2YxN2M5ZjcyNCIsInNvdXJjZSI6eyJlbnRyeV90aXRsZSI6IklsaWFkIDUzRiAyMDI2ICQyLDExNSwwMDAgdXNkIFx1MDBlMCB2ZW5kcmUiLCJlbnRyeV9wYWdlIjoxLCJzb3VyY2VfaWQiOjIzNTQ1OSwic291cmNlX3R5cGUiOiJzaW5nbGUiLCJyZXF1ZXN0X3VybCI6Imh0dHBzOi8vaXRheWFjaHRzY2FuYWRhLmNvbS9mci93cC1qc29uL3dwL3YyL2xpc3RpbmcvMjM1NDU5In0sInZlcnNpb24iOjIsImNpcGhlciI6ImFlcy0yNTYtZ2NtIn0.DplGYirnsTJ9BQeK11zEeSqxk7GxbrKf1K3YFrRRCPQ' \/>\n\n<div style=\"\"  data-wp-interactive=\"jetpack\/form\" data-wp-context='{\"fieldId\":\"g235459-nom\",\"fieldType\":\"name\",\"fieldLabel\":\"Nom:\",\"fieldValue\":\"\",\"fieldPlaceholder\":\"\",\"fieldIsRequired\":\"1\",\"fieldErrorMessage\":\"\",\"fieldExtra\":[],\"formHash\":\"43a29713949f94a22068dbaab487cb7f17c9f724\"}'  class='grunion-field-name-wrap grunion-field-wrap'  data-wp-init='callbacks.initializeField' data-wp-on--jetpack-form-reset='callbacks.initializeField' >\n<label\n\t\t\t\tfor='g235459-nom' class=\"grunion-field-label name\" >Nom:<span class=\"grunion-label-required\" aria-hidden=\"true\">(obligatoire)<\/span><\/label>\n<input\n\t\t\t\t\ttype='text'\n\t\t\t\t\tname='g235459-nom'\n\t\t\t\t\tid='g235459-nom'\n\t\t\t\t\tvalue=''\n\n\t\t\t\t\tdata-wp-bind--aria-invalid='state.fieldAriaInvalid'\n\t\t\t\t\tdata-wp-bind--value='state.getFieldValue'\n\t\t\t\t\taria-describedby='g235459-nom-text-error-message'\n\t\t\t\t\tdata-wp-on--input='actions.onFieldChange'\n\t\t\t\t\tdata-wp-on--blur='actions.onFieldBlur'\n\t\t\t\t\tdata-wp-class--has-value='state.hasFieldValue'\n\n\t\t\t\t\tclass='name  grunion-field' \n\t\t\t\t\trequired='true' aria-required='true'  \/>\n \n\t\t\t<div id=\"g235459-nom-text-error\" class=\"contact-form__input-error\" data-wp-class--has-errors=\"state.fieldHasErrors\">\n\t\t\t\t<span class=\"contact-form__warning-icon\" aria-hidden=\"true\">\n\t\t\t\t\t<svg width=\"16\" height=\"16\" viewBox=\"0 0 16 16\" fill=\"none\" xmlns=\"http:\/\/www.w3.org\/2000\/svg\">\n\t\t\t\t\t\t<path d=\"M8.50015 11.6402H7.50015V10.6402H8.50015V11.6402Z\" \/>\n\t\t\t\t\t\t<path d=\"M7.50015 9.64018H8.50015V6.30684H7.50015V9.64018Z\" \/>\n\t\t\t\t\t\t<path fill-rule=\"evenodd\" clip-rule=\"evenodd\" d=\"M6.98331 3.0947C7.42933 2.30177 8.57096 2.30177 9.01698 3.09469L13.8771 11.7349C14.3145 12.5126 13.7525 13.4735 12.8602 13.4735H3.14004C2.24774 13.4735 1.68575 12.5126 2.12321 11.7349L6.98331 3.0947ZM8.14541 3.58496C8.08169 3.47168 7.9186 3.47168 7.85488 3.58496L2.99478 12.2251C2.93229 12.3362 3.01257 12.4735 3.14004 12.4735H12.8602C12.9877 12.4735 13.068 12.3362 13.0055 12.2251L8.14541 3.58496Z\" \/>\n\t\t\t\t\t<\/svg>\n\t\t\t\t<\/span>\n\t\t\t\t<span data-wp-text=\"state.errorMessage\" id=\"g235459-nom-text-error-message\"><\/span>\n\t\t\t<\/div> \n\t<\/div>\n\n<div style=\"\"  data-wp-interactive=\"jetpack\/form\" data-wp-context='{\"fieldId\":\"g235459-email\",\"fieldType\":\"email\",\"fieldLabel\":\"E-mail\",\"fieldValue\":\"\",\"fieldPlaceholder\":\"\",\"fieldIsRequired\":\"1\",\"fieldErrorMessage\":\"\",\"fieldExtra\":[],\"formHash\":\"43a29713949f94a22068dbaab487cb7f17c9f724\"}'  class='grunion-field-email-wrap grunion-field-wrap'  data-wp-init='callbacks.initializeField' data-wp-on--jetpack-form-reset='callbacks.initializeField' >\n<label\n\t\t\t\tfor='g235459-email' class=\"grunion-field-label email\" >E-mail<span class=\"grunion-label-required\" aria-hidden=\"true\">(obligatoire)<\/span><\/label>\n<input\n\t\t\t\t\ttype='email'\n\t\t\t\t\tname='g235459-email'\n\t\t\t\t\tid='g235459-email'\n\t\t\t\t\tvalue=''\n\n\t\t\t\t\tdata-wp-bind--aria-invalid='state.fieldAriaInvalid'\n\t\t\t\t\tdata-wp-bind--value='state.getFieldValue'\n\t\t\t\t\taria-describedby='g235459-email-email-error-message'\n\t\t\t\t\tdata-wp-on--input='actions.onFieldChange'\n\t\t\t\t\tdata-wp-on--blur='actions.onFieldBlur'\n\t\t\t\t\tdata-wp-class--has-value='state.hasFieldValue'\n\n\t\t\t\t\tclass='email  grunion-field' \n\t\t\t\t\trequired='true' aria-required='true'  \/>\n \n\t\t\t<div id=\"g235459-email-email-error\" class=\"contact-form__input-error\" data-wp-class--has-errors=\"state.fieldHasErrors\">\n\t\t\t\t<span class=\"contact-form__warning-icon\" aria-hidden=\"true\">\n\t\t\t\t\t<svg width=\"16\" height=\"16\" viewBox=\"0 0 16 16\" fill=\"none\" xmlns=\"http:\/\/www.w3.org\/2000\/svg\">\n\t\t\t\t\t\t<path d=\"M8.50015 11.6402H7.50015V10.6402H8.50015V11.6402Z\" \/>\n\t\t\t\t\t\t<path d=\"M7.50015 9.64018H8.50015V6.30684H7.50015V9.64018Z\" \/>\n\t\t\t\t\t\t<path fill-rule=\"evenodd\" clip-rule=\"evenodd\" d=\"M6.98331 3.0947C7.42933 2.30177 8.57096 2.30177 9.01698 3.09469L13.8771 11.7349C14.3145 12.5126 13.7525 13.4735 12.8602 13.4735H3.14004C2.24774 13.4735 1.68575 12.5126 2.12321 11.7349L6.98331 3.0947ZM8.14541 3.58496C8.08169 3.47168 7.9186 3.47168 7.85488 3.58496L2.99478 12.2251C2.93229 12.3362 3.01257 12.4735 3.14004 12.4735H12.8602C12.9877 12.4735 13.068 12.3362 13.0055 12.2251L8.14541 3.58496Z\" \/>\n\t\t\t\t\t<\/svg>\n\t\t\t\t<\/span>\n\t\t\t\t<span data-wp-text=\"state.errorMessage\" id=\"g235459-email-email-error-message\"><\/span>\n\t\t\t<\/div> \n\t<\/div>\n\n<div style=\"\"  data-wp-interactive=\"jetpack\/form\" data-wp-context='{\"fieldId\":\"g235459-ausujetdececatamaranmoteur\",\"fieldType\":\"text\",\"fieldLabel\":\"Au sujet de ce catamaran moteur:\",\"fieldValue\":\"\",\"fieldPlaceholder\":\"\",\"fieldIsRequired\":\"\",\"fieldErrorMessage\":\"\",\"fieldExtra\":[],\"formHash\":\"43a29713949f94a22068dbaab487cb7f17c9f724\"}'  class='grunion-field-text-wrap grunion-field-wrap'  data-wp-init='callbacks.initializeField' data-wp-on--jetpack-form-reset='callbacks.initializeField' >\n<label\n\t\t\t\tfor='g235459-ausujetdececatamaranmoteur' class=\"grunion-field-label text\" >Au sujet de ce catamaran moteur:<\/label>\n<input\n\t\t\t\t\ttype='text'\n\t\t\t\t\tname='g235459-ausujetdececatamaranmoteur'\n\t\t\t\t\tid='g235459-ausujetdececatamaranmoteur'\n\t\t\t\t\tvalue=''\n\n\t\t\t\t\tdata-wp-bind--aria-invalid='state.fieldAriaInvalid'\n\t\t\t\t\tdata-wp-bind--value='state.getFieldValue'\n\t\t\t\t\taria-describedby='g235459-ausujetdececatamaranmoteur-text-error-message'\n\t\t\t\t\tdata-wp-on--input='actions.onFieldChange'\n\t\t\t\t\tdata-wp-on--blur='actions.onFieldBlur'\n\t\t\t\t\tdata-wp-class--has-value='state.hasFieldValue'\n\n\t\t\t\t\tclass='text  grunion-field' \n\t\t\t\t\t \/>\n \n\t\t\t<div id=\"g235459-ausujetdececatamaranmoteur-text-error\" class=\"contact-form__input-error\" data-wp-class--has-errors=\"state.fieldHasErrors\">\n\t\t\t\t<span class=\"contact-form__warning-icon\" aria-hidden=\"true\">\n\t\t\t\t\t<svg width=\"16\" height=\"16\" viewBox=\"0 0 16 16\" fill=\"none\" xmlns=\"http:\/\/www.w3.org\/2000\/svg\">\n\t\t\t\t\t\t<path d=\"M8.50015 11.6402H7.50015V10.6402H8.50015V11.6402Z\" \/>\n\t\t\t\t\t\t<path d=\"M7.50015 9.64018H8.50015V6.30684H7.50015V9.64018Z\" \/>\n\t\t\t\t\t\t<path fill-rule=\"evenodd\" clip-rule=\"evenodd\" d=\"M6.98331 3.0947C7.42933 2.30177 8.57096 2.30177 9.01698 3.09469L13.8771 11.7349C14.3145 12.5126 13.7525 13.4735 12.8602 13.4735H3.14004C2.24774 13.4735 1.68575 12.5126 2.12321 11.7349L6.98331 3.0947ZM8.14541 3.58496C8.08169 3.47168 7.9186 3.47168 7.85488 3.58496L2.99478 12.2251C2.93229 12.3362 3.01257 12.4735 3.14004 12.4735H12.8602C12.9877 12.4735 13.068 12.3362 13.0055 12.2251L8.14541 3.58496Z\" \/>\n\t\t\t\t\t<\/svg>\n\t\t\t\t<\/span>\n\t\t\t\t<span data-wp-text=\"state.errorMessage\" id=\"g235459-ausujetdececatamaranmoteur-text-error-message\"><\/span>\n\t\t\t<\/div> \n\t<\/div>\n\n<div style=\"\"  data-wp-interactive=\"jetpack\/form\" data-wp-context='{\"fieldId\":\"g235459-message\",\"fieldType\":\"textarea\",\"fieldLabel\":\"Message\",\"fieldValue\":\"\",\"fieldPlaceholder\":\"\",\"fieldIsRequired\":\"\",\"fieldErrorMessage\":\"\",\"fieldExtra\":[],\"formHash\":\"43a29713949f94a22068dbaab487cb7f17c9f724\"}'  class='grunion-field-textarea-wrap grunion-field-wrap'  data-wp-init='callbacks.initializeField' data-wp-on--jetpack-form-reset='callbacks.initializeField' >\n<label\n\t\t\t\tfor='contact-form-comment-g235459-message' class=\"grunion-field-label textarea\" >Message<\/label>\n<textarea\n\t\t                style=''\n\t\t                name='g235459-message'\n\t\t                id='contact-form-comment-g235459-message'\n\t\t                rows='20'\n\t\t\t\t\t\tdata-wp-text='state.getFieldValue'\n\t\t\t\t\t\tdata-wp-on--input='actions.onFieldChange'\n\t\t\t\t\t\tdata-wp-on--blur='actions.onFieldBlur'\n\t\t\t\t\t\tdata-wp-class--has-value='state.hasFieldValue'\n\t\t\t\t\t\taria-describedby='g235459-message-textarea-error-message'\n\t\t\t\t\t\tdata-wp-bind--aria-invalid='state.fieldAriaInvalid'\n\t\t\t\t\t\tclass='textarea  grunion-field'  ><\/textarea>\n \n\t\t\t<div id=\"g235459-message-textarea-error\" class=\"contact-form__input-error\" data-wp-class--has-errors=\"state.fieldHasErrors\">\n\t\t\t\t<span class=\"contact-form__warning-icon\" aria-hidden=\"true\">\n\t\t\t\t\t<svg width=\"16\" height=\"16\" viewBox=\"0 0 16 16\" fill=\"none\" xmlns=\"http:\/\/www.w3.org\/2000\/svg\">\n\t\t\t\t\t\t<path d=\"M8.50015 11.6402H7.50015V10.6402H8.50015V11.6402Z\" \/>\n\t\t\t\t\t\t<path d=\"M7.50015 9.64018H8.50015V6.30684H7.50015V9.64018Z\" \/>\n\t\t\t\t\t\t<path fill-rule=\"evenodd\" clip-rule=\"evenodd\" d=\"M6.98331 3.0947C7.42933 2.30177 8.57096 2.30177 9.01698 3.09469L13.8771 11.7349C14.3145 12.5126 13.7525 13.4735 12.8602 13.4735H3.14004C2.24774 13.4735 1.68575 12.5126 2.12321 11.7349L6.98331 3.0947ZM8.14541 3.58496C8.08169 3.47168 7.9186 3.47168 7.85488 3.58496L2.99478 12.2251C2.93229 12.3362 3.01257 12.4735 3.14004 12.4735H12.8602C12.9877 12.4735 13.068 12.3362 13.0055 12.2251L8.14541 3.58496Z\" \/>\n\t\t\t\t\t<\/svg>\n\t\t\t\t<\/span>\n\t\t\t\t<span data-wp-text=\"state.errorMessage\" id=\"g235459-message-textarea-error-message\"><\/span>\n\t\t\t<\/div>\n\t<\/div>\n\t<p class='contact-submit'>\n<div class=\"contact-form__error\" data-wp-class--show-errors=\"state.showFormErrors\"><span class=\"contact-form__warning-icon\" aria-hidden=\"true\"><i><\/i><\/span><span class=\"contact-form__error-message\" tabindex=\"-1\" data-wp-watch=\"callbacks.focusOnValidationError\" data-wp-text=\"state.getFormErrorMessage\"><\/span><ul aria-label=\"Erreurs de formulaire\">\n\t\t\t\t<template data-wp-each=\"state.getErrorList\" data-wp-key=\"context.item.id\">\n\t\t\t\t\t<li><a data-wp-bind--href=\"context.item.anchor\" data-wp-on--click=\"actions.scrollIntoView\" data-wp-text=\"context.item.label\"><\/a><\/li>\n\t\t\t\t<\/template>\n\t\t\t\t<\/ul><\/div><div class=\"contact-form__error\" data-wp-class--show-errors=\"state.showSubmissionError\" data-wp-text=\"context.submissionError\" tabindex=\"-1\" data-wp-watch=\"callbacks.focusOnSubmissionError\"><\/div>\t\t<button type='submit' class='pushbutton-wide'>Envoyer<\/button>\t\t<input type='hidden' name='contact-form-id' value='235459' \/>\n\t\t<input type='hidden' name='action' value='grunion-contact-form' \/>\n\t\t<input type='hidden' name='contact-form-hash' value='43a29713949f94a22068dbaab487cb7f17c9f724' \/>\n\t<\/p>\n<p style=\"display: none !important;\" class=\"akismet-fields-container\" data-prefix=\"ak_\"><label>&#916;<textarea name=\"ak_hp_textarea\" cols=\"45\" rows=\"8\" maxlength=\"100\"><\/textarea><\/label><input type=\"hidden\" id=\"ak_js_1\" name=\"ak_js\" value=\"91\"\/><script type=\"text\/javascript\">\n\/* <![CDATA[ *\/\ndocument.getElementById( \"ak_js_1\" ).setAttribute( \"value\", ( new Date() ).getTime() );\n\/* ]]> *\/\n<\/script>\n<\/p><\/form>\n<\/div>\n<p>&nbsp;<\/p>\n<p>&nbsp;<\/p>\n","protected":false},"excerpt":{"rendered":"<p>Iliad 53F 2026 $2,115,000 usd \u00e0 vendre Laur\u00e9at du prix du multicoque de l&rsquo;ann\u00e9e Les catamarans ILIAD sont connus pour avoir l&rsquo;un des plus grands d\u00e9gagements de pont et un franc-bord \u00e9lev\u00e9 pour les longues travers\u00e9es dans des conditions plus difficiles. Pr\u00eat pour votre prochaine aventure avec des packages moteurs optionnels, une autonomie de 2 &hellip; <a href=\"https:\/\/itayachtscanada.com\/fr\/listing\/iliad-53f-2026-2115000-usd-for-sale\/\" class=\"more-link\">Lire la suite <span class=\"screen-reader-text\">Iliad 53F 2026 $2,115,000 usd \u00e0 vendre<\/span> <span class=\"meta-nav\">&rarr;<\/span><\/a><\/p>\n","protected":false},"author":119081455,"featured_media":235509,"parent":0,"menu_order":0,"comment_status":"open","ping_status":"open","template":"","format":"standard","meta":{"_coblocks_attr":"","_coblocks_dimensions":"","_coblocks_responsive_height":"","_coblocks_accordion_ie_support":"","_lmt_disableupdate":"no","_lmt_disable":"no","advanced_seo_description":"","jetpack_seo_html_title":"","jetpack_seo_noindex":false,"footnotes":""},"manufacturer":[10402],"prix":[6851],"years":[10401],"length_feet":[6587],"boat_type":[6483],"price_range":[6580],"localisations":[],"numyacht":[11217,10403,11104],"datevente":[10400,10525,10641,10846,11103,11216],"country":[10755],"states":[10770],"city":[10847],"fresh-water-boat":[10809],"broker":[],"migration":[10887],"class_list":["post-235459","listing","type-listing","status-publish","format-standard","has-post-thumbnail","hentry","manufacturer-iliad","prix-6851","years-10401","length_feet-between-50-and-59-feets","boat_type-catamaran-moteur","price_range-1500000-2999999","numyacht-11217","numyacht-10403","numyacht-11104","datevente-2025-05-23","datevente-2025-07-19","datevente-2025-09-14","datevente-202511-10","datevente-2026-01-07","datevente-2026-03-07","country-united-states","states-floride","city-dania-beach","fresh-water-boat-non","migration-oui"],"translation":{"provider":"WPGlobus","version":"2.12.2","language":"fr","enabled_languages":["en","fr"],"languages":{"en":{"title":true,"content":true,"excerpt":false},"fr":{"title":true,"content":true,"excerpt":false}}},"jetpack_likes_enabled":true,"jetpack_sharing_enabled":true,"_links":{"self":[{"href":"https:\/\/itayachtscanada.com\/fr\/wp-json\/wp\/v2\/listing\/235459","targetHints":{"allow":["GET"]}}],"collection":[{"href":"https:\/\/itayachtscanada.com\/fr\/wp-json\/wp\/v2\/listing"}],"about":[{"href":"https:\/\/itayachtscanada.com\/fr\/wp-json\/wp\/v2\/types\/listing"}],"author":[{"embeddable":true,"href":"https:\/\/itayachtscanada.com\/fr\/wp-json\/wp\/v2\/users\/119081455"}],"replies":[{"embeddable":true,"href":"https:\/\/itayachtscanada.com\/fr\/wp-json\/wp\/v2\/comments?post=235459"}],"version-history":[{"count":10,"href":"https:\/\/itayachtscanada.com\/fr\/wp-json\/wp\/v2\/listing\/235459\/revisions"}],"predecessor-version":[{"id":300127,"href":"https:\/\/itayachtscanada.com\/fr\/wp-json\/wp\/v2\/listing\/235459\/revisions\/300127"}],"wp:featuredmedia":[{"embeddable":true,"href":"https:\/\/itayachtscanada.com\/fr\/wp-json\/wp\/v2\/media\/235509"}],"wp:attachment":[{"href":"https:\/\/itayachtscanada.com\/fr\/wp-json\/wp\/v2\/media?parent=235459"}],"wp:term":[{"taxonomy":"manufacturer","embeddable":true,"href":"https:\/\/itayachtscanada.com\/fr\/wp-json\/wp\/v2\/manufacturer?post=235459"},{"taxonomy":"prix","embeddable":true,"href":"https:\/\/itayachtscanada.com\/fr\/wp-json\/wp\/v2\/prix?post=235459"},{"taxonomy":"years","embeddable":true,"href":"https:\/\/itayachtscanada.com\/fr\/wp-json\/wp\/v2\/years?post=235459"},{"taxonomy":"length_feet","embeddable":true,"href":"https:\/\/itayachtscanada.com\/fr\/wp-json\/wp\/v2\/length_feet?post=235459"},{"taxonomy":"boat_type","embeddable":true,"href":"https:\/\/itayachtscanada.com\/fr\/wp-json\/wp\/v2\/boat_type?post=235459"},{"taxonomy":"price_range","embeddable":true,"href":"https:\/\/itayachtscanada.com\/fr\/wp-json\/wp\/v2\/price_range?post=235459"},{"taxonomy":"localisations","embeddable":true,"href":"https:\/\/itayachtscanada.com\/fr\/wp-json\/wp\/v2\/localisations?post=235459"},{"taxonomy":"numyacht","embeddable":true,"href":"https:\/\/itayachtscanada.com\/fr\/wp-json\/wp\/v2\/numyacht?post=235459"},{"taxonomy":"datevente","embeddable":true,"href":"https:\/\/itayachtscanada.com\/fr\/wp-json\/wp\/v2\/datevente?post=235459"},{"taxonomy":"country","embeddable":true,"href":"https:\/\/itayachtscanada.com\/fr\/wp-json\/wp\/v2\/country?post=235459"},{"taxonomy":"states","embeddable":true,"href":"https:\/\/itayachtscanada.com\/fr\/wp-json\/wp\/v2\/states?post=235459"},{"taxonomy":"city","embeddable":true,"href":"https:\/\/itayachtscanada.com\/fr\/wp-json\/wp\/v2\/city?post=235459"},{"taxonomy":"fresh-water-boat","embeddable":true,"href":"https:\/\/itayachtscanada.com\/fr\/wp-json\/wp\/v2\/fresh-water-boat?post=235459"},{"taxonomy":"broker","embeddable":true,"href":"https:\/\/itayachtscanada.com\/fr\/wp-json\/wp\/v2\/broker?post=235459"},{"taxonomy":"migration","embeddable":true,"href":"https:\/\/itayachtscanada.com\/fr\/wp-json\/wp\/v2\/migration?post=235459"}],"curies":[{"name":"wp","href":"https:\/\/api.w.org\/{rel}","templated":true}]}}