{"id":218687,"date":"2025-04-17T16:13:33","date_gmt":"2025-04-17T20:13:33","guid":{"rendered":"https:\/\/itayachtscanada.com\/?post_type=listing&#038;p=218687"},"modified":"2026-03-27T10:46:49","modified_gmt":"2026-03-27T14:46:49","slug":"azimut-grande-27-metri-2021-5644000-usd-for-sale","status":"publish","type":"listing","link":"https:\/\/itayachtscanada.com\/fr\/listing\/azimut-grande-27-metri-2021-5644000-usd-for-sale\/","title":{"rendered":"Azimut Grande 27 Metri 2021 $4,949,000 usd \u00e0 vendre"},"content":{"rendered":"<p>OFF MARKET (retir\u00e9 de la vente)<\/p>\n<p><strong>Azimut Grande 27 Metri 2021 $4,949,000 usd \u00e0 vendre<\/strong><\/p>\n<p>Yachts aux normes am\u00e9ricaines (60 hz)<\/p>\n<p>Le \u00ab Captain Morgan II \u00bb est un superbe exemple du tr\u00e8s populaire Azimut Grande 27 Metri. C&rsquo;est l&rsquo;un des seuls bateaux de moins de 90 pieds avec un capitaine sur le pont, 4 cabines suppl\u00e9mentaires en dessous et 6 salles d&rsquo;eau + \u00e9quipage. Son int\u00e9rieur a \u00e9t\u00e9 r\u00e9nov\u00e9 l&rsquo;ann\u00e9e derni\u00e8re avec des meubles faits sur mesure, des draps personnalis\u00e9s pour chaque cabine et un ensemble de d\u00e9corations qui le distingue. A l&rsquo;ext\u00e9rieur, il a \u00e9galement \u00e9t\u00e9 r\u00e9nov\u00e9 en profondeur, avec notamment un nouveau jacuzzi sur le flybridge, une station de grillades au propane s\u00e9par\u00e9e et une nouvelle machine \u00e0 gla\u00e7ons. Il a \u00e9t\u00e9 \u00e9quip\u00e9 de tout le mat\u00e9riel de s\u00e9curit\u00e9 n\u00e9cessaire. Belle opportunit\u00e9, le propri\u00e9taire monte en grade !<\/p>\n<p>Plus de 300K$ d\u00e9pens\u00e9s dans les 90 derniers jours (au 14 avril 2025)<\/p>\n<p>5 cabines, 6 salles d&rsquo;eau + \u00e9quipage avec capitaine sur le pont<br \/>\nGarantie du moteur MAN jusqu&rsquo;au 8 avril 2026 (peut \u00eatre prolong\u00e9e)<br \/>\nDrapeau de la Jama\u00efque<br \/>\nTous les \u00e9quipements de s\u00e9curit\u00e9 ont \u00e9t\u00e9 mis \u00e0 jour<br \/>\nTravaux de fond complets, y compris peinture de fond, vitesse d&rsquo;h\u00e9lice et polywax pour le carburant (f\u00e9vrier 2025, $80K)<br \/>\nFlybridge massif avec jacuzzi sur mesure (nouveau 2024, entretien mars 2025, $5k)<br \/>\nNouveaux coussins ext\u00e9rieurs, plus de 60K$ (f\u00e9vrier 2025)<br \/>\nNouvelle moquette (2025) et mobilier sur mesure dans le salon, la salle \u00e0 manger et la cabine principale<br \/>\nLinge et oreillers pour toutes les cabines<br \/>\nStation de barbecue au propane sur le flybridge<br \/>\nStarlink (2025)<br \/>\nMachine \u00e0 gla\u00e7ons Scottsman ajout\u00e9e au cockpit et au flybridge (2025)<br \/>\nEclairage LED sur mesure sur le flybridge et dans le cockpit<br \/>\n(12 nouveaux \u00e9clairages sous-marins<br \/>\nEntretien MAN 1000 heures, huile et filtres &#8211; 2025<br \/>\nProgramme de suivi de la maintenance Vanguard<\/p>\n<p>Stabilisation de l&rsquo;aileron (entretien en 2024)<br \/>\nNettoyage et d\u00e9sinfection du syst\u00e8me HVAC par Bluestar Marine &#8211; octobre 2024 (comprend les ventilo-convecteurs, les ventilateurs, les conduits et les caissons)<\/p>\n<h3>Cet Azimut Grande 27 Metri est situ\u00e9 en Floride, veuillez nous contacter au 514-521-1221 pour tous les d\u00e9tails concernant ce megayacht Azimut Grande 27 Metri, notre bureau est situ\u00e9 en banlieue de Montr\u00e9al.<\/h3>\n<p><a href=\"https:\/\/itayachtscanada.com\/fr\/virtuals_visits\/azimut-grande-27m-88-5-ft\/\">Cliquez ici<\/a> pour une visite virtuelle de l&rsquo;Azimut Grande 27 Metri.<\/p>\n<p>Dimensions de l&rsquo;Azimut Grand\u00e9 27 Metri<br \/>\nLongueur hors tout : 88 pi<br \/>\nLargeur : 21 pi 7 po<br \/>\nTirant d&rsquo;eau maximum : 6 pi 4 po<br \/>\nPoids<br \/>\nPoids \u00e0 sec : 205030 lb<br \/>\nVitesse de croisi\u00e8re<br \/>\nVitesse de croisi\u00e8re : 24 n\u0153uds \u00e0 tr\/min<br \/>\nVitesse de la coque : 28 kn \u00e0 tr\/min<br \/>\nR\u00e9servoirs<br \/>\nCarburant : (2510 gal)<br \/>\nEau douce : (528 gal)<br \/>\nH\u00e9bergement<br \/>\nCabines invit\u00e9s : 5<br \/>\nToilettes invit\u00e9s : 6<br \/>\nAutre<br \/>\nConcepteur : Stefano Righini<\/p>\n<p>&nbsp;<\/p>\n<p>MOTEURS :<\/p>\n<p>MAN V12 1900 (moteur 1)<br \/>\nType de moteur : Inboard<br \/>\nType de carburant : Diesel<br \/>\nHeures du moteur : 1450<br \/>\nPuissance : 1900 hp<br \/>\nType d&rsquo;entra\u00eenement : Entra\u00eenement en V<\/p>\n<p>MAN V12 1900 (Moteur 2)<br \/>\nType de moteur : Inboard<br \/>\nType de carburant : Diesel<br \/>\nHeures de fonctionnement du moteur : 1450<br \/>\nPuissance : 1900 hp<br \/>\nType d&rsquo;entra\u00eenement : Entra\u00eenement en V<\/p>\n<p>&nbsp;<\/p>\n<div class=\"html-content-description\">\n<div>\n<div class=\"content-box\">\n<div class=\"column-container cols-3\">\n<div class=\"column\">\n<div class=\"column-item\">\n<div>\n<div class=\"content-box\">\n<div class=\"column-container cols-3\">\n<div class=\"column\">\n<div class=\"column-item\">\n<div><\/div>\n<div><\/div>\n<div>\n<div class=\"tiled-gallery type-rectangular tiled-gallery-unresized\" data-original-width=\"700\" data-carousel-extra='{&quot;blog_id&quot;:1,&quot;permalink&quot;:&quot;https:\\\/\\\/itayachtscanada.com\\\/fr\\\/listing\\\/azimut-grande-27-metri-2021-5644000-usd-for-sale\\\/&quot;,&quot;likes_blog_id&quot;:198557287}' itemscope itemtype=\"http:\/\/schema.org\/ImageGallery\" > <div class=\"gallery-row\" style=\"width: 700px; height: 198px;\" data-original-width=\"700\" data-original-height=\"198\" > <div class=\"gallery-group images-1\" style=\"width: 350px; height: 198px;\" data-original-width=\"350\" data-original-height=\"198\" > <div class=\"tiled-gallery-item tiled-gallery-item-large\" itemprop=\"associatedMedia\" itemscope itemtype=\"http:\/\/schema.org\/ImageObject\"> <a href=\"https:\/\/itayachtscanada.com\/fr\/listing\/azimut-grande-27-metri-2021-5644000-usd-for-sale\/capture-decran-le-2025-04-17-a-15-40-58\/\" border=\"0\" itemprop=\"url\"> <meta itemprop=\"width\" content=\"346\"> <meta itemprop=\"height\" content=\"194\"> <img decoding=\"async\" class=\"\" data-attachment-id=\"218690\" data-orig-file=\"https:\/\/itayachtscanada.com\/wp-content\/uploads\/2025\/04\/Capture-decran-le-2025-04-17-a-15.40.58.jpg\" data-orig-size=\"1734,974\" data-comments-opened=\"1\" data-image-meta=\"{&quot;aperture&quot;:&quot;0&quot;,&quot;credit&quot;:&quot;&quot;,&quot;camera&quot;:&quot;&quot;,&quot;caption&quot;:&quot;&quot;,&quot;created_timestamp&quot;:&quot;0&quot;,&quot;copyright&quot;:&quot;&quot;,&quot;focal_length&quot;:&quot;0&quot;,&quot;iso&quot;:&quot;0&quot;,&quot;shutter_speed&quot;:&quot;0&quot;,&quot;title&quot;:&quot;&quot;,&quot;orientation&quot;:&quot;0&quot;}\" data-image-title=\"Capture d\u2019e\u0301cran, le 2025-04-17 a\u0300 15.40.58\" data-image-description=\"\" data-medium-file=\"https:\/\/i0.wp.com\/itayachtscanada.com\/wp-content\/uploads\/2025\/04\/Capture-decran-le-2025-04-17-a-15.40.58.jpg?fit=300%2C169&#038;ssl=1\" data-large-file=\"https:\/\/i0.wp.com\/itayachtscanada.com\/wp-content\/uploads\/2025\/04\/Capture-decran-le-2025-04-17-a-15.40.58.jpg?fit=700%2C393&#038;ssl=1\" src=\"https:\/\/i0.wp.com\/itayachtscanada.com\/wp-content\/uploads\/2025\/04\/Capture-decran-le-2025-04-17-a-15.40.58.jpg?w=346&#038;h=194&#038;ssl=1\" srcset=\"https:\/\/i0.wp.com\/itayachtscanada.com\/wp-content\/uploads\/2025\/04\/Capture-decran-le-2025-04-17-a-15.40.58.jpg?w=1734&amp;ssl=1 1734w, https:\/\/i0.wp.com\/itayachtscanada.com\/wp-content\/uploads\/2025\/04\/Capture-decran-le-2025-04-17-a-15.40.58.jpg?resize=300%2C169&amp;ssl=1 300w, https:\/\/i0.wp.com\/itayachtscanada.com\/wp-content\/uploads\/2025\/04\/Capture-decran-le-2025-04-17-a-15.40.58.jpg?resize=1024%2C575&amp;ssl=1 1024w, https:\/\/i0.wp.com\/itayachtscanada.com\/wp-content\/uploads\/2025\/04\/Capture-decran-le-2025-04-17-a-15.40.58.jpg?resize=768%2C431&amp;ssl=1 768w, https:\/\/i0.wp.com\/itayachtscanada.com\/wp-content\/uploads\/2025\/04\/Capture-decran-le-2025-04-17-a-15.40.58.jpg?resize=1536%2C863&amp;ssl=1 1536w, https:\/\/i0.wp.com\/itayachtscanada.com\/wp-content\/uploads\/2025\/04\/Capture-decran-le-2025-04-17-a-15.40.58.jpg?resize=700%2C393&amp;ssl=1 700w, https:\/\/i0.wp.com\/itayachtscanada.com\/wp-content\/uploads\/2025\/04\/Capture-decran-le-2025-04-17-a-15.40.58.jpg?resize=712%2C400&amp;ssl=1 712w, https:\/\/i0.wp.com\/itayachtscanada.com\/wp-content\/uploads\/2025\/04\/Capture-decran-le-2025-04-17-a-15.40.58.jpg?w=1400&amp;ssl=1 1400w\" width=\"346\" height=\"194\" loading=\"lazy\" data-original-width=\"346\" data-original-height=\"194\" itemprop=\"http:\/\/schema.org\/image\" title=\"Capture d\u2019e\u0301cran, le 2025-04-17 a\u0300 15.40.58\" alt=\"Capture d\u2019e\u0301cran, le 2025-04-17 a\u0300 15.40.58\" style=\"width: 346px; height: 194px;\" \/> <\/a> <\/div> <\/div> <!-- close group --> <div class=\"gallery-group images-1\" style=\"width: 350px; height: 198px;\" data-original-width=\"350\" data-original-height=\"198\" > <div class=\"tiled-gallery-item tiled-gallery-item-large\" itemprop=\"associatedMedia\" itemscope itemtype=\"http:\/\/schema.org\/ImageObject\"> <a href=\"https:\/\/itayachtscanada.com\/fr\/listing\/azimut-grande-27-metri-2021-5644000-usd-for-sale\/capture-decran-le-2025-04-17-a-15-40-55\/\" border=\"0\" itemprop=\"url\"> <meta itemprop=\"width\" content=\"346\"> <meta itemprop=\"height\" content=\"194\"> <img decoding=\"async\" class=\"\" data-attachment-id=\"218691\" data-orig-file=\"https:\/\/itayachtscanada.com\/wp-content\/uploads\/2025\/04\/Capture-decran-le-2025-04-17-a-15.40.55.jpg\" data-orig-size=\"1734,974\" data-comments-opened=\"1\" data-image-meta=\"{&quot;aperture&quot;:&quot;0&quot;,&quot;credit&quot;:&quot;&quot;,&quot;camera&quot;:&quot;&quot;,&quot;caption&quot;:&quot;&quot;,&quot;created_timestamp&quot;:&quot;0&quot;,&quot;copyright&quot;:&quot;&quot;,&quot;focal_length&quot;:&quot;0&quot;,&quot;iso&quot;:&quot;0&quot;,&quot;shutter_speed&quot;:&quot;0&quot;,&quot;title&quot;:&quot;&quot;,&quot;orientation&quot;:&quot;0&quot;}\" data-image-title=\"Capture d\u2019e\u0301cran, le 2025-04-17 a\u0300 15.40.55\" data-image-description=\"\" data-medium-file=\"https:\/\/i0.wp.com\/itayachtscanada.com\/wp-content\/uploads\/2025\/04\/Capture-decran-le-2025-04-17-a-15.40.55.jpg?fit=300%2C169&#038;ssl=1\" data-large-file=\"https:\/\/i0.wp.com\/itayachtscanada.com\/wp-content\/uploads\/2025\/04\/Capture-decran-le-2025-04-17-a-15.40.55.jpg?fit=700%2C393&#038;ssl=1\" src=\"https:\/\/i0.wp.com\/itayachtscanada.com\/wp-content\/uploads\/2025\/04\/Capture-decran-le-2025-04-17-a-15.40.55.jpg?w=346&#038;h=194&#038;ssl=1\" srcset=\"https:\/\/i0.wp.com\/itayachtscanada.com\/wp-content\/uploads\/2025\/04\/Capture-decran-le-2025-04-17-a-15.40.55.jpg?w=1734&amp;ssl=1 1734w, https:\/\/i0.wp.com\/itayachtscanada.com\/wp-content\/uploads\/2025\/04\/Capture-decran-le-2025-04-17-a-15.40.55.jpg?resize=300%2C169&amp;ssl=1 300w, https:\/\/i0.wp.com\/itayachtscanada.com\/wp-content\/uploads\/2025\/04\/Capture-decran-le-2025-04-17-a-15.40.55.jpg?resize=1024%2C575&amp;ssl=1 1024w, https:\/\/i0.wp.com\/itayachtscanada.com\/wp-content\/uploads\/2025\/04\/Capture-decran-le-2025-04-17-a-15.40.55.jpg?resize=768%2C431&amp;ssl=1 768w, https:\/\/i0.wp.com\/itayachtscanada.com\/wp-content\/uploads\/2025\/04\/Capture-decran-le-2025-04-17-a-15.40.55.jpg?resize=1536%2C863&amp;ssl=1 1536w, https:\/\/i0.wp.com\/itayachtscanada.com\/wp-content\/uploads\/2025\/04\/Capture-decran-le-2025-04-17-a-15.40.55.jpg?resize=700%2C393&amp;ssl=1 700w, https:\/\/i0.wp.com\/itayachtscanada.com\/wp-content\/uploads\/2025\/04\/Capture-decran-le-2025-04-17-a-15.40.55.jpg?resize=712%2C400&amp;ssl=1 712w, https:\/\/i0.wp.com\/itayachtscanada.com\/wp-content\/uploads\/2025\/04\/Capture-decran-le-2025-04-17-a-15.40.55.jpg?w=1400&amp;ssl=1 1400w\" width=\"346\" height=\"194\" loading=\"lazy\" data-original-width=\"346\" data-original-height=\"194\" itemprop=\"http:\/\/schema.org\/image\" title=\"Capture d\u2019e\u0301cran, le 2025-04-17 a\u0300 15.40.55\" alt=\"Capture d\u2019e\u0301cran, le 2025-04-17 a\u0300 15.40.55\" style=\"width: 346px; height: 194px;\" \/> <\/a> <\/div> <\/div> <!-- close group --> <\/div> <!-- close row --> <div class=\"gallery-row\" style=\"width: 700px; height: 198px;\" data-original-width=\"700\" data-original-height=\"198\" > <div class=\"gallery-group images-1\" style=\"width: 350px; height: 198px;\" data-original-width=\"350\" data-original-height=\"198\" > <div class=\"tiled-gallery-item tiled-gallery-item-large\" itemprop=\"associatedMedia\" itemscope itemtype=\"http:\/\/schema.org\/ImageObject\"> <a href=\"https:\/\/itayachtscanada.com\/fr\/listing\/azimut-grande-27-metri-2021-5644000-usd-for-sale\/capture-decran-le-2025-04-17-a-15-40-44\/\" border=\"0\" itemprop=\"url\"> <meta itemprop=\"width\" content=\"346\"> <meta itemprop=\"height\" content=\"194\"> <img decoding=\"async\" class=\"\" data-attachment-id=\"218694\" data-orig-file=\"https:\/\/itayachtscanada.com\/wp-content\/uploads\/2025\/04\/Capture-decran-le-2025-04-17-a-15.40.44.jpg\" data-orig-size=\"1734,974\" data-comments-opened=\"1\" data-image-meta=\"{&quot;aperture&quot;:&quot;0&quot;,&quot;credit&quot;:&quot;&quot;,&quot;camera&quot;:&quot;&quot;,&quot;caption&quot;:&quot;&quot;,&quot;created_timestamp&quot;:&quot;0&quot;,&quot;copyright&quot;:&quot;&quot;,&quot;focal_length&quot;:&quot;0&quot;,&quot;iso&quot;:&quot;0&quot;,&quot;shutter_speed&quot;:&quot;0&quot;,&quot;title&quot;:&quot;&quot;,&quot;orientation&quot;:&quot;0&quot;}\" data-image-title=\"Capture d\u2019e\u0301cran, le 2025-04-17 a\u0300 15.40.44\" data-image-description=\"\" data-medium-file=\"https:\/\/i0.wp.com\/itayachtscanada.com\/wp-content\/uploads\/2025\/04\/Capture-decran-le-2025-04-17-a-15.40.44.jpg?fit=300%2C169&#038;ssl=1\" data-large-file=\"https:\/\/i0.wp.com\/itayachtscanada.com\/wp-content\/uploads\/2025\/04\/Capture-decran-le-2025-04-17-a-15.40.44.jpg?fit=700%2C393&#038;ssl=1\" src=\"https:\/\/i0.wp.com\/itayachtscanada.com\/wp-content\/uploads\/2025\/04\/Capture-decran-le-2025-04-17-a-15.40.44.jpg?w=346&#038;h=194&#038;ssl=1\" srcset=\"https:\/\/i0.wp.com\/itayachtscanada.com\/wp-content\/uploads\/2025\/04\/Capture-decran-le-2025-04-17-a-15.40.44.jpg?w=1734&amp;ssl=1 1734w, https:\/\/i0.wp.com\/itayachtscanada.com\/wp-content\/uploads\/2025\/04\/Capture-decran-le-2025-04-17-a-15.40.44.jpg?resize=300%2C169&amp;ssl=1 300w, https:\/\/i0.wp.com\/itayachtscanada.com\/wp-content\/uploads\/2025\/04\/Capture-decran-le-2025-04-17-a-15.40.44.jpg?resize=1024%2C575&amp;ssl=1 1024w, https:\/\/i0.wp.com\/itayachtscanada.com\/wp-content\/uploads\/2025\/04\/Capture-decran-le-2025-04-17-a-15.40.44.jpg?resize=768%2C431&amp;ssl=1 768w, https:\/\/i0.wp.com\/itayachtscanada.com\/wp-content\/uploads\/2025\/04\/Capture-decran-le-2025-04-17-a-15.40.44.jpg?resize=1536%2C863&amp;ssl=1 1536w, https:\/\/i0.wp.com\/itayachtscanada.com\/wp-content\/uploads\/2025\/04\/Capture-decran-le-2025-04-17-a-15.40.44.jpg?resize=700%2C393&amp;ssl=1 700w, https:\/\/i0.wp.com\/itayachtscanada.com\/wp-content\/uploads\/2025\/04\/Capture-decran-le-2025-04-17-a-15.40.44.jpg?resize=712%2C400&amp;ssl=1 712w, https:\/\/i0.wp.com\/itayachtscanada.com\/wp-content\/uploads\/2025\/04\/Capture-decran-le-2025-04-17-a-15.40.44.jpg?w=1400&amp;ssl=1 1400w\" width=\"346\" height=\"194\" loading=\"lazy\" data-original-width=\"346\" data-original-height=\"194\" itemprop=\"http:\/\/schema.org\/image\" title=\"Capture d\u2019e\u0301cran, le 2025-04-17 a\u0300 15.40.44\" alt=\"Capture d\u2019e\u0301cran, le 2025-04-17 a\u0300 15.40.44\" style=\"width: 346px; height: 194px;\" \/> <\/a> <\/div> <\/div> <!-- close group --> <div class=\"gallery-group images-1\" style=\"width: 350px; height: 198px;\" data-original-width=\"350\" data-original-height=\"198\" > <div class=\"tiled-gallery-item tiled-gallery-item-large\" itemprop=\"associatedMedia\" itemscope itemtype=\"http:\/\/schema.org\/ImageObject\"> <a href=\"https:\/\/itayachtscanada.com\/fr\/listing\/azimut-grande-27-metri-2021-5644000-usd-for-sale\/capture-decran-le-2025-04-17-a-15-40-51\/\" border=\"0\" itemprop=\"url\"> <meta itemprop=\"width\" content=\"346\"> <meta itemprop=\"height\" content=\"194\"> <img decoding=\"async\" class=\"\" data-attachment-id=\"218692\" data-orig-file=\"https:\/\/itayachtscanada.com\/wp-content\/uploads\/2025\/04\/Capture-decran-le-2025-04-17-a-15.40.51.jpg\" data-orig-size=\"1734,974\" data-comments-opened=\"1\" data-image-meta=\"{&quot;aperture&quot;:&quot;0&quot;,&quot;credit&quot;:&quot;&quot;,&quot;camera&quot;:&quot;&quot;,&quot;caption&quot;:&quot;&quot;,&quot;created_timestamp&quot;:&quot;0&quot;,&quot;copyright&quot;:&quot;&quot;,&quot;focal_length&quot;:&quot;0&quot;,&quot;iso&quot;:&quot;0&quot;,&quot;shutter_speed&quot;:&quot;0&quot;,&quot;title&quot;:&quot;&quot;,&quot;orientation&quot;:&quot;0&quot;}\" data-image-title=\"Capture d\u2019e\u0301cran, le 2025-04-17 a\u0300 15.40.51\" data-image-description=\"\" data-medium-file=\"https:\/\/i0.wp.com\/itayachtscanada.com\/wp-content\/uploads\/2025\/04\/Capture-decran-le-2025-04-17-a-15.40.51.jpg?fit=300%2C169&#038;ssl=1\" data-large-file=\"https:\/\/i0.wp.com\/itayachtscanada.com\/wp-content\/uploads\/2025\/04\/Capture-decran-le-2025-04-17-a-15.40.51.jpg?fit=700%2C393&#038;ssl=1\" src=\"https:\/\/i0.wp.com\/itayachtscanada.com\/wp-content\/uploads\/2025\/04\/Capture-decran-le-2025-04-17-a-15.40.51.jpg?w=346&#038;h=194&#038;ssl=1\" srcset=\"https:\/\/i0.wp.com\/itayachtscanada.com\/wp-content\/uploads\/2025\/04\/Capture-decran-le-2025-04-17-a-15.40.51.jpg?w=1734&amp;ssl=1 1734w, https:\/\/i0.wp.com\/itayachtscanada.com\/wp-content\/uploads\/2025\/04\/Capture-decran-le-2025-04-17-a-15.40.51.jpg?resize=300%2C169&amp;ssl=1 300w, https:\/\/i0.wp.com\/itayachtscanada.com\/wp-content\/uploads\/2025\/04\/Capture-decran-le-2025-04-17-a-15.40.51.jpg?resize=1024%2C575&amp;ssl=1 1024w, https:\/\/i0.wp.com\/itayachtscanada.com\/wp-content\/uploads\/2025\/04\/Capture-decran-le-2025-04-17-a-15.40.51.jpg?resize=768%2C431&amp;ssl=1 768w, https:\/\/i0.wp.com\/itayachtscanada.com\/wp-content\/uploads\/2025\/04\/Capture-decran-le-2025-04-17-a-15.40.51.jpg?resize=1536%2C863&amp;ssl=1 1536w, https:\/\/i0.wp.com\/itayachtscanada.com\/wp-content\/uploads\/2025\/04\/Capture-decran-le-2025-04-17-a-15.40.51.jpg?resize=700%2C393&amp;ssl=1 700w, https:\/\/i0.wp.com\/itayachtscanada.com\/wp-content\/uploads\/2025\/04\/Capture-decran-le-2025-04-17-a-15.40.51.jpg?resize=712%2C400&amp;ssl=1 712w, https:\/\/i0.wp.com\/itayachtscanada.com\/wp-content\/uploads\/2025\/04\/Capture-decran-le-2025-04-17-a-15.40.51.jpg?w=1400&amp;ssl=1 1400w\" width=\"346\" height=\"194\" loading=\"lazy\" data-original-width=\"346\" data-original-height=\"194\" itemprop=\"http:\/\/schema.org\/image\" title=\"Capture d\u2019e\u0301cran, le 2025-04-17 a\u0300 15.40.51\" alt=\"Capture d\u2019e\u0301cran, le 2025-04-17 a\u0300 15.40.51\" style=\"width: 346px; height: 194px;\" \/> <\/a> <\/div> <\/div> <!-- close group --> <\/div> <!-- close row --> <div class=\"gallery-row\" style=\"width: 700px; height: 198px;\" data-original-width=\"700\" data-original-height=\"198\" > <div class=\"gallery-group images-1\" style=\"width: 350px; height: 198px;\" data-original-width=\"350\" data-original-height=\"198\" > <div class=\"tiled-gallery-item tiled-gallery-item-large\" itemprop=\"associatedMedia\" itemscope itemtype=\"http:\/\/schema.org\/ImageObject\"> <a href=\"https:\/\/itayachtscanada.com\/fr\/listing\/azimut-grande-27-metri-2021-5644000-usd-for-sale\/capture-decran-le-2025-04-17-a-15-39-38\/\" border=\"0\" itemprop=\"url\"> <meta itemprop=\"width\" content=\"346\"> <meta itemprop=\"height\" content=\"194\"> <img decoding=\"async\" class=\"\" data-attachment-id=\"218713\" data-orig-file=\"https:\/\/itayachtscanada.com\/wp-content\/uploads\/2025\/04\/Capture-decran-le-2025-04-17-a-15.39.38.jpg\" data-orig-size=\"1734,974\" data-comments-opened=\"1\" data-image-meta=\"{&quot;aperture&quot;:&quot;0&quot;,&quot;credit&quot;:&quot;&quot;,&quot;camera&quot;:&quot;&quot;,&quot;caption&quot;:&quot;&quot;,&quot;created_timestamp&quot;:&quot;0&quot;,&quot;copyright&quot;:&quot;&quot;,&quot;focal_length&quot;:&quot;0&quot;,&quot;iso&quot;:&quot;0&quot;,&quot;shutter_speed&quot;:&quot;0&quot;,&quot;title&quot;:&quot;&quot;,&quot;orientation&quot;:&quot;0&quot;}\" data-image-title=\"Capture d\u2019e\u0301cran, le 2025-04-17 a\u0300 15.39.38\" data-image-description=\"\" data-medium-file=\"https:\/\/i0.wp.com\/itayachtscanada.com\/wp-content\/uploads\/2025\/04\/Capture-decran-le-2025-04-17-a-15.39.38.jpg?fit=300%2C169&#038;ssl=1\" data-large-file=\"https:\/\/i0.wp.com\/itayachtscanada.com\/wp-content\/uploads\/2025\/04\/Capture-decran-le-2025-04-17-a-15.39.38.jpg?fit=700%2C393&#038;ssl=1\" src=\"https:\/\/i0.wp.com\/itayachtscanada.com\/wp-content\/uploads\/2025\/04\/Capture-decran-le-2025-04-17-a-15.39.38.jpg?w=346&#038;h=194&#038;ssl=1\" srcset=\"https:\/\/i0.wp.com\/itayachtscanada.com\/wp-content\/uploads\/2025\/04\/Capture-decran-le-2025-04-17-a-15.39.38.jpg?w=1734&amp;ssl=1 1734w, https:\/\/i0.wp.com\/itayachtscanada.com\/wp-content\/uploads\/2025\/04\/Capture-decran-le-2025-04-17-a-15.39.38.jpg?resize=300%2C169&amp;ssl=1 300w, https:\/\/i0.wp.com\/itayachtscanada.com\/wp-content\/uploads\/2025\/04\/Capture-decran-le-2025-04-17-a-15.39.38.jpg?resize=1024%2C575&amp;ssl=1 1024w, https:\/\/i0.wp.com\/itayachtscanada.com\/wp-content\/uploads\/2025\/04\/Capture-decran-le-2025-04-17-a-15.39.38.jpg?resize=768%2C431&amp;ssl=1 768w, https:\/\/i0.wp.com\/itayachtscanada.com\/wp-content\/uploads\/2025\/04\/Capture-decran-le-2025-04-17-a-15.39.38.jpg?resize=1536%2C863&amp;ssl=1 1536w, https:\/\/i0.wp.com\/itayachtscanada.com\/wp-content\/uploads\/2025\/04\/Capture-decran-le-2025-04-17-a-15.39.38.jpg?resize=700%2C393&amp;ssl=1 700w, https:\/\/i0.wp.com\/itayachtscanada.com\/wp-content\/uploads\/2025\/04\/Capture-decran-le-2025-04-17-a-15.39.38.jpg?resize=712%2C400&amp;ssl=1 712w, https:\/\/i0.wp.com\/itayachtscanada.com\/wp-content\/uploads\/2025\/04\/Capture-decran-le-2025-04-17-a-15.39.38.jpg?w=1400&amp;ssl=1 1400w\" width=\"346\" height=\"194\" loading=\"lazy\" data-original-width=\"346\" data-original-height=\"194\" itemprop=\"http:\/\/schema.org\/image\" title=\"Capture d\u2019e\u0301cran, le 2025-04-17 a\u0300 15.39.38\" alt=\"Capture d\u2019e\u0301cran, le 2025-04-17 a\u0300 15.39.38\" style=\"width: 346px; height: 194px;\" \/> <\/a> <\/div> <\/div> <!-- close group --> <div class=\"gallery-group images-1\" style=\"width: 350px; height: 198px;\" data-original-width=\"350\" data-original-height=\"198\" > <div class=\"tiled-gallery-item tiled-gallery-item-large\" itemprop=\"associatedMedia\" itemscope itemtype=\"http:\/\/schema.org\/ImageObject\"> <a href=\"https:\/\/itayachtscanada.com\/fr\/listing\/azimut-grande-27-metri-2021-5644000-usd-for-sale\/capture-decran-le-2025-04-17-a-15-40-47\/\" border=\"0\" itemprop=\"url\"> <meta itemprop=\"width\" content=\"346\"> <meta itemprop=\"height\" content=\"194\"> <img decoding=\"async\" class=\"\" data-attachment-id=\"218693\" data-orig-file=\"https:\/\/itayachtscanada.com\/wp-content\/uploads\/2025\/04\/Capture-decran-le-2025-04-17-a-15.40.47.jpg\" data-orig-size=\"1734,974\" data-comments-opened=\"1\" data-image-meta=\"{&quot;aperture&quot;:&quot;0&quot;,&quot;credit&quot;:&quot;&quot;,&quot;camera&quot;:&quot;&quot;,&quot;caption&quot;:&quot;&quot;,&quot;created_timestamp&quot;:&quot;0&quot;,&quot;copyright&quot;:&quot;&quot;,&quot;focal_length&quot;:&quot;0&quot;,&quot;iso&quot;:&quot;0&quot;,&quot;shutter_speed&quot;:&quot;0&quot;,&quot;title&quot;:&quot;&quot;,&quot;orientation&quot;:&quot;0&quot;}\" data-image-title=\"Capture d\u2019e\u0301cran, le 2025-04-17 a\u0300 15.40.47\" data-image-description=\"\" data-medium-file=\"https:\/\/i0.wp.com\/itayachtscanada.com\/wp-content\/uploads\/2025\/04\/Capture-decran-le-2025-04-17-a-15.40.47.jpg?fit=300%2C169&#038;ssl=1\" data-large-file=\"https:\/\/i0.wp.com\/itayachtscanada.com\/wp-content\/uploads\/2025\/04\/Capture-decran-le-2025-04-17-a-15.40.47.jpg?fit=700%2C393&#038;ssl=1\" src=\"https:\/\/i0.wp.com\/itayachtscanada.com\/wp-content\/uploads\/2025\/04\/Capture-decran-le-2025-04-17-a-15.40.47.jpg?w=346&#038;h=194&#038;ssl=1\" srcset=\"https:\/\/i0.wp.com\/itayachtscanada.com\/wp-content\/uploads\/2025\/04\/Capture-decran-le-2025-04-17-a-15.40.47.jpg?w=1734&amp;ssl=1 1734w, https:\/\/i0.wp.com\/itayachtscanada.com\/wp-content\/uploads\/2025\/04\/Capture-decran-le-2025-04-17-a-15.40.47.jpg?resize=300%2C169&amp;ssl=1 300w, https:\/\/i0.wp.com\/itayachtscanada.com\/wp-content\/uploads\/2025\/04\/Capture-decran-le-2025-04-17-a-15.40.47.jpg?resize=1024%2C575&amp;ssl=1 1024w, https:\/\/i0.wp.com\/itayachtscanada.com\/wp-content\/uploads\/2025\/04\/Capture-decran-le-2025-04-17-a-15.40.47.jpg?resize=768%2C431&amp;ssl=1 768w, https:\/\/i0.wp.com\/itayachtscanada.com\/wp-content\/uploads\/2025\/04\/Capture-decran-le-2025-04-17-a-15.40.47.jpg?resize=1536%2C863&amp;ssl=1 1536w, https:\/\/i0.wp.com\/itayachtscanada.com\/wp-content\/uploads\/2025\/04\/Capture-decran-le-2025-04-17-a-15.40.47.jpg?resize=700%2C393&amp;ssl=1 700w, https:\/\/i0.wp.com\/itayachtscanada.com\/wp-content\/uploads\/2025\/04\/Capture-decran-le-2025-04-17-a-15.40.47.jpg?resize=712%2C400&amp;ssl=1 712w, https:\/\/i0.wp.com\/itayachtscanada.com\/wp-content\/uploads\/2025\/04\/Capture-decran-le-2025-04-17-a-15.40.47.jpg?w=1400&amp;ssl=1 1400w\" width=\"346\" height=\"194\" loading=\"lazy\" data-original-width=\"346\" data-original-height=\"194\" itemprop=\"http:\/\/schema.org\/image\" title=\"Capture d\u2019e\u0301cran, le 2025-04-17 a\u0300 15.40.47\" alt=\"Capture d\u2019e\u0301cran, le 2025-04-17 a\u0300 15.40.47\" style=\"width: 346px; height: 194px;\" \/> <\/a> <\/div> <\/div> <!-- close group --> <\/div> <!-- close row --> <div class=\"gallery-row\" style=\"width: 700px; height: 198px;\" data-original-width=\"700\" data-original-height=\"198\" > <div class=\"gallery-group images-1\" style=\"width: 350px; height: 198px;\" data-original-width=\"350\" data-original-height=\"198\" > <div class=\"tiled-gallery-item tiled-gallery-item-large\" itemprop=\"associatedMedia\" itemscope itemtype=\"http:\/\/schema.org\/ImageObject\"> <a href=\"https:\/\/itayachtscanada.com\/fr\/listing\/azimut-grande-27-metri-2021-5644000-usd-for-sale\/capture-decran-le-2025-04-17-a-15-39-44\/\" border=\"0\" itemprop=\"url\"> <meta itemprop=\"width\" content=\"346\"> <meta itemprop=\"height\" content=\"194\"> <img decoding=\"async\" class=\"\" data-attachment-id=\"218711\" data-orig-file=\"https:\/\/itayachtscanada.com\/wp-content\/uploads\/2025\/04\/Capture-decran-le-2025-04-17-a-15.39.44.jpg\" data-orig-size=\"1734,974\" data-comments-opened=\"1\" data-image-meta=\"{&quot;aperture&quot;:&quot;0&quot;,&quot;credit&quot;:&quot;&quot;,&quot;camera&quot;:&quot;&quot;,&quot;caption&quot;:&quot;&quot;,&quot;created_timestamp&quot;:&quot;0&quot;,&quot;copyright&quot;:&quot;&quot;,&quot;focal_length&quot;:&quot;0&quot;,&quot;iso&quot;:&quot;0&quot;,&quot;shutter_speed&quot;:&quot;0&quot;,&quot;title&quot;:&quot;&quot;,&quot;orientation&quot;:&quot;0&quot;}\" data-image-title=\"Capture d\u2019e\u0301cran, le 2025-04-17 a\u0300 15.39.44\" data-image-description=\"\" data-medium-file=\"https:\/\/i0.wp.com\/itayachtscanada.com\/wp-content\/uploads\/2025\/04\/Capture-decran-le-2025-04-17-a-15.39.44.jpg?fit=300%2C169&#038;ssl=1\" data-large-file=\"https:\/\/i0.wp.com\/itayachtscanada.com\/wp-content\/uploads\/2025\/04\/Capture-decran-le-2025-04-17-a-15.39.44.jpg?fit=700%2C393&#038;ssl=1\" src=\"https:\/\/i0.wp.com\/itayachtscanada.com\/wp-content\/uploads\/2025\/04\/Capture-decran-le-2025-04-17-a-15.39.44.jpg?w=346&#038;h=194&#038;ssl=1\" srcset=\"https:\/\/i0.wp.com\/itayachtscanada.com\/wp-content\/uploads\/2025\/04\/Capture-decran-le-2025-04-17-a-15.39.44.jpg?w=1734&amp;ssl=1 1734w, https:\/\/i0.wp.com\/itayachtscanada.com\/wp-content\/uploads\/2025\/04\/Capture-decran-le-2025-04-17-a-15.39.44.jpg?resize=300%2C169&amp;ssl=1 300w, https:\/\/i0.wp.com\/itayachtscanada.com\/wp-content\/uploads\/2025\/04\/Capture-decran-le-2025-04-17-a-15.39.44.jpg?resize=1024%2C575&amp;ssl=1 1024w, https:\/\/i0.wp.com\/itayachtscanada.com\/wp-content\/uploads\/2025\/04\/Capture-decran-le-2025-04-17-a-15.39.44.jpg?resize=768%2C431&amp;ssl=1 768w, https:\/\/i0.wp.com\/itayachtscanada.com\/wp-content\/uploads\/2025\/04\/Capture-decran-le-2025-04-17-a-15.39.44.jpg?resize=1536%2C863&amp;ssl=1 1536w, https:\/\/i0.wp.com\/itayachtscanada.com\/wp-content\/uploads\/2025\/04\/Capture-decran-le-2025-04-17-a-15.39.44.jpg?resize=700%2C393&amp;ssl=1 700w, https:\/\/i0.wp.com\/itayachtscanada.com\/wp-content\/uploads\/2025\/04\/Capture-decran-le-2025-04-17-a-15.39.44.jpg?resize=712%2C400&amp;ssl=1 712w, https:\/\/i0.wp.com\/itayachtscanada.com\/wp-content\/uploads\/2025\/04\/Capture-decran-le-2025-04-17-a-15.39.44.jpg?w=1400&amp;ssl=1 1400w\" width=\"346\" height=\"194\" loading=\"lazy\" data-original-width=\"346\" data-original-height=\"194\" itemprop=\"http:\/\/schema.org\/image\" title=\"Capture d\u2019e\u0301cran, le 2025-04-17 a\u0300 15.39.44\" alt=\"Capture d\u2019e\u0301cran, le 2025-04-17 a\u0300 15.39.44\" style=\"width: 346px; height: 194px;\" \/> <\/a> <\/div> <\/div> <!-- close group --> <div class=\"gallery-group images-1\" style=\"width: 350px; height: 198px;\" data-original-width=\"350\" data-original-height=\"198\" > <div class=\"tiled-gallery-item tiled-gallery-item-large\" itemprop=\"associatedMedia\" itemscope itemtype=\"http:\/\/schema.org\/ImageObject\"> <a href=\"https:\/\/itayachtscanada.com\/fr\/listing\/azimut-grande-27-metri-2021-5644000-usd-for-sale\/capture-decran-le-2025-04-17-a-15-39-56\/\" border=\"0\" itemprop=\"url\"> <meta itemprop=\"width\" content=\"346\"> <meta itemprop=\"height\" content=\"194\"> <img decoding=\"async\" class=\"\" data-attachment-id=\"218708\" data-orig-file=\"https:\/\/itayachtscanada.com\/wp-content\/uploads\/2025\/04\/Capture-decran-le-2025-04-17-a-15.39.56.jpg\" data-orig-size=\"1734,974\" data-comments-opened=\"1\" data-image-meta=\"{&quot;aperture&quot;:&quot;0&quot;,&quot;credit&quot;:&quot;&quot;,&quot;camera&quot;:&quot;&quot;,&quot;caption&quot;:&quot;&quot;,&quot;created_timestamp&quot;:&quot;0&quot;,&quot;copyright&quot;:&quot;&quot;,&quot;focal_length&quot;:&quot;0&quot;,&quot;iso&quot;:&quot;0&quot;,&quot;shutter_speed&quot;:&quot;0&quot;,&quot;title&quot;:&quot;&quot;,&quot;orientation&quot;:&quot;0&quot;}\" data-image-title=\"Capture d\u2019e\u0301cran, le 2025-04-17 a\u0300 15.39.56\" data-image-description=\"\" data-medium-file=\"https:\/\/i0.wp.com\/itayachtscanada.com\/wp-content\/uploads\/2025\/04\/Capture-decran-le-2025-04-17-a-15.39.56.jpg?fit=300%2C169&#038;ssl=1\" data-large-file=\"https:\/\/i0.wp.com\/itayachtscanada.com\/wp-content\/uploads\/2025\/04\/Capture-decran-le-2025-04-17-a-15.39.56.jpg?fit=700%2C393&#038;ssl=1\" src=\"https:\/\/i0.wp.com\/itayachtscanada.com\/wp-content\/uploads\/2025\/04\/Capture-decran-le-2025-04-17-a-15.39.56.jpg?w=346&#038;h=194&#038;ssl=1\" srcset=\"https:\/\/i0.wp.com\/itayachtscanada.com\/wp-content\/uploads\/2025\/04\/Capture-decran-le-2025-04-17-a-15.39.56.jpg?w=1734&amp;ssl=1 1734w, https:\/\/i0.wp.com\/itayachtscanada.com\/wp-content\/uploads\/2025\/04\/Capture-decran-le-2025-04-17-a-15.39.56.jpg?resize=300%2C169&amp;ssl=1 300w, https:\/\/i0.wp.com\/itayachtscanada.com\/wp-content\/uploads\/2025\/04\/Capture-decran-le-2025-04-17-a-15.39.56.jpg?resize=1024%2C575&amp;ssl=1 1024w, https:\/\/i0.wp.com\/itayachtscanada.com\/wp-content\/uploads\/2025\/04\/Capture-decran-le-2025-04-17-a-15.39.56.jpg?resize=768%2C431&amp;ssl=1 768w, https:\/\/i0.wp.com\/itayachtscanada.com\/wp-content\/uploads\/2025\/04\/Capture-decran-le-2025-04-17-a-15.39.56.jpg?resize=1536%2C863&amp;ssl=1 1536w, https:\/\/i0.wp.com\/itayachtscanada.com\/wp-content\/uploads\/2025\/04\/Capture-decran-le-2025-04-17-a-15.39.56.jpg?resize=700%2C393&amp;ssl=1 700w, https:\/\/i0.wp.com\/itayachtscanada.com\/wp-content\/uploads\/2025\/04\/Capture-decran-le-2025-04-17-a-15.39.56.jpg?resize=712%2C400&amp;ssl=1 712w, https:\/\/i0.wp.com\/itayachtscanada.com\/wp-content\/uploads\/2025\/04\/Capture-decran-le-2025-04-17-a-15.39.56.jpg?w=1400&amp;ssl=1 1400w\" width=\"346\" height=\"194\" loading=\"lazy\" data-original-width=\"346\" data-original-height=\"194\" itemprop=\"http:\/\/schema.org\/image\" title=\"Capture d\u2019e\u0301cran, le 2025-04-17 a\u0300 15.39.56\" alt=\"Capture d\u2019e\u0301cran, le 2025-04-17 a\u0300 15.39.56\" style=\"width: 346px; height: 194px;\" \/> <\/a> <\/div> <\/div> <!-- close group --> <\/div> <!-- close row --> <div class=\"gallery-row\" style=\"width: 700px; height: 198px;\" data-original-width=\"700\" data-original-height=\"198\" > <div class=\"gallery-group images-1\" style=\"width: 350px; height: 198px;\" data-original-width=\"350\" data-original-height=\"198\" > <div class=\"tiled-gallery-item tiled-gallery-item-large\" itemprop=\"associatedMedia\" itemscope itemtype=\"http:\/\/schema.org\/ImageObject\"> <a href=\"https:\/\/itayachtscanada.com\/fr\/listing\/azimut-grande-27-metri-2021-5644000-usd-for-sale\/capture-decran-le-2025-04-17-a-15-39-52\/\" border=\"0\" itemprop=\"url\"> <meta itemprop=\"width\" content=\"346\"> <meta itemprop=\"height\" content=\"194\"> <img decoding=\"async\" class=\"\" data-attachment-id=\"218709\" data-orig-file=\"https:\/\/itayachtscanada.com\/wp-content\/uploads\/2025\/04\/Capture-decran-le-2025-04-17-a-15.39.52.jpg\" data-orig-size=\"1734,974\" data-comments-opened=\"1\" data-image-meta=\"{&quot;aperture&quot;:&quot;0&quot;,&quot;credit&quot;:&quot;&quot;,&quot;camera&quot;:&quot;&quot;,&quot;caption&quot;:&quot;&quot;,&quot;created_timestamp&quot;:&quot;0&quot;,&quot;copyright&quot;:&quot;&quot;,&quot;focal_length&quot;:&quot;0&quot;,&quot;iso&quot;:&quot;0&quot;,&quot;shutter_speed&quot;:&quot;0&quot;,&quot;title&quot;:&quot;&quot;,&quot;orientation&quot;:&quot;0&quot;}\" data-image-title=\"Capture d\u2019e\u0301cran, le 2025-04-17 a\u0300 15.39.52\" data-image-description=\"\" data-medium-file=\"https:\/\/i0.wp.com\/itayachtscanada.com\/wp-content\/uploads\/2025\/04\/Capture-decran-le-2025-04-17-a-15.39.52.jpg?fit=300%2C169&#038;ssl=1\" data-large-file=\"https:\/\/i0.wp.com\/itayachtscanada.com\/wp-content\/uploads\/2025\/04\/Capture-decran-le-2025-04-17-a-15.39.52.jpg?fit=700%2C393&#038;ssl=1\" src=\"https:\/\/i0.wp.com\/itayachtscanada.com\/wp-content\/uploads\/2025\/04\/Capture-decran-le-2025-04-17-a-15.39.52.jpg?w=346&#038;h=194&#038;ssl=1\" srcset=\"https:\/\/i0.wp.com\/itayachtscanada.com\/wp-content\/uploads\/2025\/04\/Capture-decran-le-2025-04-17-a-15.39.52.jpg?w=1734&amp;ssl=1 1734w, https:\/\/i0.wp.com\/itayachtscanada.com\/wp-content\/uploads\/2025\/04\/Capture-decran-le-2025-04-17-a-15.39.52.jpg?resize=300%2C169&amp;ssl=1 300w, https:\/\/i0.wp.com\/itayachtscanada.com\/wp-content\/uploads\/2025\/04\/Capture-decran-le-2025-04-17-a-15.39.52.jpg?resize=1024%2C575&amp;ssl=1 1024w, https:\/\/i0.wp.com\/itayachtscanada.com\/wp-content\/uploads\/2025\/04\/Capture-decran-le-2025-04-17-a-15.39.52.jpg?resize=768%2C431&amp;ssl=1 768w, https:\/\/i0.wp.com\/itayachtscanada.com\/wp-content\/uploads\/2025\/04\/Capture-decran-le-2025-04-17-a-15.39.52.jpg?resize=1536%2C863&amp;ssl=1 1536w, https:\/\/i0.wp.com\/itayachtscanada.com\/wp-content\/uploads\/2025\/04\/Capture-decran-le-2025-04-17-a-15.39.52.jpg?resize=700%2C393&amp;ssl=1 700w, https:\/\/i0.wp.com\/itayachtscanada.com\/wp-content\/uploads\/2025\/04\/Capture-decran-le-2025-04-17-a-15.39.52.jpg?resize=712%2C400&amp;ssl=1 712w, https:\/\/i0.wp.com\/itayachtscanada.com\/wp-content\/uploads\/2025\/04\/Capture-decran-le-2025-04-17-a-15.39.52.jpg?w=1400&amp;ssl=1 1400w\" width=\"346\" height=\"194\" loading=\"lazy\" data-original-width=\"346\" data-original-height=\"194\" itemprop=\"http:\/\/schema.org\/image\" title=\"Capture d\u2019e\u0301cran, le 2025-04-17 a\u0300 15.39.52\" alt=\"Capture d\u2019e\u0301cran, le 2025-04-17 a\u0300 15.39.52\" style=\"width: 346px; height: 194px;\" \/> <\/a> <\/div> <\/div> <!-- close group --> <div class=\"gallery-group images-1\" style=\"width: 350px; height: 198px;\" data-original-width=\"350\" data-original-height=\"198\" > <div class=\"tiled-gallery-item tiled-gallery-item-large\" itemprop=\"associatedMedia\" itemscope itemtype=\"http:\/\/schema.org\/ImageObject\"> <a href=\"https:\/\/itayachtscanada.com\/fr\/listing\/azimut-grande-27-metri-2021-5644000-usd-for-sale\/capture-decran-le-2025-04-17-a-15-39-48\/\" border=\"0\" itemprop=\"url\"> <meta itemprop=\"width\" content=\"346\"> <meta itemprop=\"height\" content=\"194\"> <img decoding=\"async\" class=\"\" data-attachment-id=\"218710\" data-orig-file=\"https:\/\/itayachtscanada.com\/wp-content\/uploads\/2025\/04\/Capture-decran-le-2025-04-17-a-15.39.48.jpg\" data-orig-size=\"1734,974\" data-comments-opened=\"1\" data-image-meta=\"{&quot;aperture&quot;:&quot;0&quot;,&quot;credit&quot;:&quot;&quot;,&quot;camera&quot;:&quot;&quot;,&quot;caption&quot;:&quot;&quot;,&quot;created_timestamp&quot;:&quot;0&quot;,&quot;copyright&quot;:&quot;&quot;,&quot;focal_length&quot;:&quot;0&quot;,&quot;iso&quot;:&quot;0&quot;,&quot;shutter_speed&quot;:&quot;0&quot;,&quot;title&quot;:&quot;&quot;,&quot;orientation&quot;:&quot;0&quot;}\" data-image-title=\"Capture d\u2019e\u0301cran, le 2025-04-17 a\u0300 15.39.48\" data-image-description=\"\" data-medium-file=\"https:\/\/i0.wp.com\/itayachtscanada.com\/wp-content\/uploads\/2025\/04\/Capture-decran-le-2025-04-17-a-15.39.48.jpg?fit=300%2C169&#038;ssl=1\" data-large-file=\"https:\/\/i0.wp.com\/itayachtscanada.com\/wp-content\/uploads\/2025\/04\/Capture-decran-le-2025-04-17-a-15.39.48.jpg?fit=700%2C393&#038;ssl=1\" src=\"https:\/\/i0.wp.com\/itayachtscanada.com\/wp-content\/uploads\/2025\/04\/Capture-decran-le-2025-04-17-a-15.39.48.jpg?w=346&#038;h=194&#038;ssl=1\" srcset=\"https:\/\/i0.wp.com\/itayachtscanada.com\/wp-content\/uploads\/2025\/04\/Capture-decran-le-2025-04-17-a-15.39.48.jpg?w=1734&amp;ssl=1 1734w, https:\/\/i0.wp.com\/itayachtscanada.com\/wp-content\/uploads\/2025\/04\/Capture-decran-le-2025-04-17-a-15.39.48.jpg?resize=300%2C169&amp;ssl=1 300w, https:\/\/i0.wp.com\/itayachtscanada.com\/wp-content\/uploads\/2025\/04\/Capture-decran-le-2025-04-17-a-15.39.48.jpg?resize=1024%2C575&amp;ssl=1 1024w, https:\/\/i0.wp.com\/itayachtscanada.com\/wp-content\/uploads\/2025\/04\/Capture-decran-le-2025-04-17-a-15.39.48.jpg?resize=768%2C431&amp;ssl=1 768w, https:\/\/i0.wp.com\/itayachtscanada.com\/wp-content\/uploads\/2025\/04\/Capture-decran-le-2025-04-17-a-15.39.48.jpg?resize=1536%2C863&amp;ssl=1 1536w, https:\/\/i0.wp.com\/itayachtscanada.com\/wp-content\/uploads\/2025\/04\/Capture-decran-le-2025-04-17-a-15.39.48.jpg?resize=700%2C393&amp;ssl=1 700w, https:\/\/i0.wp.com\/itayachtscanada.com\/wp-content\/uploads\/2025\/04\/Capture-decran-le-2025-04-17-a-15.39.48.jpg?resize=712%2C400&amp;ssl=1 712w, https:\/\/i0.wp.com\/itayachtscanada.com\/wp-content\/uploads\/2025\/04\/Capture-decran-le-2025-04-17-a-15.39.48.jpg?w=1400&amp;ssl=1 1400w\" width=\"346\" height=\"194\" loading=\"lazy\" data-original-width=\"346\" data-original-height=\"194\" itemprop=\"http:\/\/schema.org\/image\" title=\"Capture d\u2019e\u0301cran, le 2025-04-17 a\u0300 15.39.48\" alt=\"Capture d\u2019e\u0301cran, le 2025-04-17 a\u0300 15.39.48\" style=\"width: 346px; height: 194px;\" \/> <\/a> <\/div> <\/div> <!-- close group --> <\/div> <!-- close row --> <div class=\"gallery-row\" style=\"width: 700px; height: 198px;\" data-original-width=\"700\" data-original-height=\"198\" > <div class=\"gallery-group images-1\" style=\"width: 350px; height: 198px;\" data-original-width=\"350\" data-original-height=\"198\" > <div class=\"tiled-gallery-item tiled-gallery-item-large\" itemprop=\"associatedMedia\" itemscope itemtype=\"http:\/\/schema.org\/ImageObject\"> <a href=\"https:\/\/itayachtscanada.com\/fr\/listing\/azimut-grande-27-metri-2021-5644000-usd-for-sale\/capture-decran-le-2025-04-17-a-15-40-10\/\" border=\"0\" itemprop=\"url\"> <meta itemprop=\"width\" content=\"346\"> <meta itemprop=\"height\" content=\"194\"> <img decoding=\"async\" class=\"\" data-attachment-id=\"218704\" data-orig-file=\"https:\/\/itayachtscanada.com\/wp-content\/uploads\/2025\/04\/Capture-decran-le-2025-04-17-a-15.40.10.jpg\" data-orig-size=\"1734,974\" data-comments-opened=\"1\" data-image-meta=\"{&quot;aperture&quot;:&quot;0&quot;,&quot;credit&quot;:&quot;&quot;,&quot;camera&quot;:&quot;&quot;,&quot;caption&quot;:&quot;&quot;,&quot;created_timestamp&quot;:&quot;0&quot;,&quot;copyright&quot;:&quot;&quot;,&quot;focal_length&quot;:&quot;0&quot;,&quot;iso&quot;:&quot;0&quot;,&quot;shutter_speed&quot;:&quot;0&quot;,&quot;title&quot;:&quot;&quot;,&quot;orientation&quot;:&quot;0&quot;}\" data-image-title=\"Capture d\u2019e\u0301cran, le 2025-04-17 a\u0300 15.40.10\" data-image-description=\"\" data-medium-file=\"https:\/\/i0.wp.com\/itayachtscanada.com\/wp-content\/uploads\/2025\/04\/Capture-decran-le-2025-04-17-a-15.40.10.jpg?fit=300%2C169&#038;ssl=1\" data-large-file=\"https:\/\/i0.wp.com\/itayachtscanada.com\/wp-content\/uploads\/2025\/04\/Capture-decran-le-2025-04-17-a-15.40.10.jpg?fit=700%2C393&#038;ssl=1\" src=\"https:\/\/i0.wp.com\/itayachtscanada.com\/wp-content\/uploads\/2025\/04\/Capture-decran-le-2025-04-17-a-15.40.10.jpg?w=346&#038;h=194&#038;ssl=1\" srcset=\"https:\/\/i0.wp.com\/itayachtscanada.com\/wp-content\/uploads\/2025\/04\/Capture-decran-le-2025-04-17-a-15.40.10.jpg?w=1734&amp;ssl=1 1734w, https:\/\/i0.wp.com\/itayachtscanada.com\/wp-content\/uploads\/2025\/04\/Capture-decran-le-2025-04-17-a-15.40.10.jpg?resize=300%2C169&amp;ssl=1 300w, https:\/\/i0.wp.com\/itayachtscanada.com\/wp-content\/uploads\/2025\/04\/Capture-decran-le-2025-04-17-a-15.40.10.jpg?resize=1024%2C575&amp;ssl=1 1024w, https:\/\/i0.wp.com\/itayachtscanada.com\/wp-content\/uploads\/2025\/04\/Capture-decran-le-2025-04-17-a-15.40.10.jpg?resize=768%2C431&amp;ssl=1 768w, https:\/\/i0.wp.com\/itayachtscanada.com\/wp-content\/uploads\/2025\/04\/Capture-decran-le-2025-04-17-a-15.40.10.jpg?resize=1536%2C863&amp;ssl=1 1536w, https:\/\/i0.wp.com\/itayachtscanada.com\/wp-content\/uploads\/2025\/04\/Capture-decran-le-2025-04-17-a-15.40.10.jpg?resize=700%2C393&amp;ssl=1 700w, https:\/\/i0.wp.com\/itayachtscanada.com\/wp-content\/uploads\/2025\/04\/Capture-decran-le-2025-04-17-a-15.40.10.jpg?resize=712%2C400&amp;ssl=1 712w, https:\/\/i0.wp.com\/itayachtscanada.com\/wp-content\/uploads\/2025\/04\/Capture-decran-le-2025-04-17-a-15.40.10.jpg?w=1400&amp;ssl=1 1400w\" width=\"346\" height=\"194\" loading=\"lazy\" data-original-width=\"346\" data-original-height=\"194\" itemprop=\"http:\/\/schema.org\/image\" title=\"Capture d\u2019e\u0301cran, le 2025-04-17 a\u0300 15.40.10\" alt=\"Capture d\u2019e\u0301cran, le 2025-04-17 a\u0300 15.40.10\" style=\"width: 346px; height: 194px;\" \/> <\/a> <\/div> <\/div> <!-- close group --> <div class=\"gallery-group images-1\" style=\"width: 350px; height: 198px;\" data-original-width=\"350\" data-original-height=\"198\" > <div class=\"tiled-gallery-item tiled-gallery-item-large\" itemprop=\"associatedMedia\" itemscope itemtype=\"http:\/\/schema.org\/ImageObject\"> <a href=\"https:\/\/itayachtscanada.com\/fr\/listing\/azimut-grande-27-metri-2021-5644000-usd-for-sale\/capture-decran-le-2025-04-17-a-15-40-28\/\" border=\"0\" itemprop=\"url\"> <meta itemprop=\"width\" content=\"346\"> <meta itemprop=\"height\" content=\"194\"> <img decoding=\"async\" class=\"\" data-attachment-id=\"218699\" data-orig-file=\"https:\/\/itayachtscanada.com\/wp-content\/uploads\/2025\/04\/Capture-decran-le-2025-04-17-a-15.40.28.jpg\" data-orig-size=\"1734,974\" data-comments-opened=\"1\" data-image-meta=\"{&quot;aperture&quot;:&quot;0&quot;,&quot;credit&quot;:&quot;&quot;,&quot;camera&quot;:&quot;&quot;,&quot;caption&quot;:&quot;&quot;,&quot;created_timestamp&quot;:&quot;0&quot;,&quot;copyright&quot;:&quot;&quot;,&quot;focal_length&quot;:&quot;0&quot;,&quot;iso&quot;:&quot;0&quot;,&quot;shutter_speed&quot;:&quot;0&quot;,&quot;title&quot;:&quot;&quot;,&quot;orientation&quot;:&quot;0&quot;}\" data-image-title=\"Capture d\u2019e\u0301cran, le 2025-04-17 a\u0300 15.40.28\" data-image-description=\"\" data-medium-file=\"https:\/\/i0.wp.com\/itayachtscanada.com\/wp-content\/uploads\/2025\/04\/Capture-decran-le-2025-04-17-a-15.40.28.jpg?fit=300%2C169&#038;ssl=1\" data-large-file=\"https:\/\/i0.wp.com\/itayachtscanada.com\/wp-content\/uploads\/2025\/04\/Capture-decran-le-2025-04-17-a-15.40.28.jpg?fit=700%2C393&#038;ssl=1\" src=\"https:\/\/i0.wp.com\/itayachtscanada.com\/wp-content\/uploads\/2025\/04\/Capture-decran-le-2025-04-17-a-15.40.28.jpg?w=346&#038;h=194&#038;ssl=1\" srcset=\"https:\/\/i0.wp.com\/itayachtscanada.com\/wp-content\/uploads\/2025\/04\/Capture-decran-le-2025-04-17-a-15.40.28.jpg?w=1734&amp;ssl=1 1734w, https:\/\/i0.wp.com\/itayachtscanada.com\/wp-content\/uploads\/2025\/04\/Capture-decran-le-2025-04-17-a-15.40.28.jpg?resize=300%2C169&amp;ssl=1 300w, https:\/\/i0.wp.com\/itayachtscanada.com\/wp-content\/uploads\/2025\/04\/Capture-decran-le-2025-04-17-a-15.40.28.jpg?resize=1024%2C575&amp;ssl=1 1024w, https:\/\/i0.wp.com\/itayachtscanada.com\/wp-content\/uploads\/2025\/04\/Capture-decran-le-2025-04-17-a-15.40.28.jpg?resize=768%2C431&amp;ssl=1 768w, https:\/\/i0.wp.com\/itayachtscanada.com\/wp-content\/uploads\/2025\/04\/Capture-decran-le-2025-04-17-a-15.40.28.jpg?resize=1536%2C863&amp;ssl=1 1536w, https:\/\/i0.wp.com\/itayachtscanada.com\/wp-content\/uploads\/2025\/04\/Capture-decran-le-2025-04-17-a-15.40.28.jpg?resize=700%2C393&amp;ssl=1 700w, https:\/\/i0.wp.com\/itayachtscanada.com\/wp-content\/uploads\/2025\/04\/Capture-decran-le-2025-04-17-a-15.40.28.jpg?resize=712%2C400&amp;ssl=1 712w, https:\/\/i0.wp.com\/itayachtscanada.com\/wp-content\/uploads\/2025\/04\/Capture-decran-le-2025-04-17-a-15.40.28.jpg?w=1400&amp;ssl=1 1400w\" width=\"346\" height=\"194\" loading=\"lazy\" data-original-width=\"346\" data-original-height=\"194\" itemprop=\"http:\/\/schema.org\/image\" title=\"Capture d\u2019e\u0301cran, le 2025-04-17 a\u0300 15.40.28\" alt=\"Capture d\u2019e\u0301cran, le 2025-04-17 a\u0300 15.40.28\" style=\"width: 346px; height: 194px;\" \/> <\/a> <\/div> <\/div> <!-- close group --> <\/div> <!-- close row --> <div class=\"gallery-row\" style=\"width: 700px; height: 198px;\" data-original-width=\"700\" data-original-height=\"198\" > <div class=\"gallery-group images-1\" style=\"width: 350px; height: 198px;\" data-original-width=\"350\" data-original-height=\"198\" > <div class=\"tiled-gallery-item tiled-gallery-item-large\" itemprop=\"associatedMedia\" itemscope itemtype=\"http:\/\/schema.org\/ImageObject\"> <a href=\"https:\/\/itayachtscanada.com\/fr\/listing\/azimut-grande-27-metri-2021-5644000-usd-for-sale\/capture-decran-le-2025-04-17-a-15-40-00\/\" border=\"0\" itemprop=\"url\"> <meta itemprop=\"width\" content=\"346\"> <meta itemprop=\"height\" content=\"194\"> <img decoding=\"async\" class=\"\" data-attachment-id=\"218707\" data-orig-file=\"https:\/\/itayachtscanada.com\/wp-content\/uploads\/2025\/04\/Capture-decran-le-2025-04-17-a-15.40.00.jpg\" data-orig-size=\"1734,974\" data-comments-opened=\"1\" data-image-meta=\"{&quot;aperture&quot;:&quot;0&quot;,&quot;credit&quot;:&quot;&quot;,&quot;camera&quot;:&quot;&quot;,&quot;caption&quot;:&quot;&quot;,&quot;created_timestamp&quot;:&quot;0&quot;,&quot;copyright&quot;:&quot;&quot;,&quot;focal_length&quot;:&quot;0&quot;,&quot;iso&quot;:&quot;0&quot;,&quot;shutter_speed&quot;:&quot;0&quot;,&quot;title&quot;:&quot;&quot;,&quot;orientation&quot;:&quot;0&quot;}\" data-image-title=\"Capture d\u2019e\u0301cran, le 2025-04-17 a\u0300 15.40.00\" data-image-description=\"\" data-medium-file=\"https:\/\/i0.wp.com\/itayachtscanada.com\/wp-content\/uploads\/2025\/04\/Capture-decran-le-2025-04-17-a-15.40.00.jpg?fit=300%2C169&#038;ssl=1\" data-large-file=\"https:\/\/i0.wp.com\/itayachtscanada.com\/wp-content\/uploads\/2025\/04\/Capture-decran-le-2025-04-17-a-15.40.00.jpg?fit=700%2C393&#038;ssl=1\" src=\"https:\/\/i0.wp.com\/itayachtscanada.com\/wp-content\/uploads\/2025\/04\/Capture-decran-le-2025-04-17-a-15.40.00.jpg?w=346&#038;h=194&#038;ssl=1\" srcset=\"https:\/\/i0.wp.com\/itayachtscanada.com\/wp-content\/uploads\/2025\/04\/Capture-decran-le-2025-04-17-a-15.40.00.jpg?w=1734&amp;ssl=1 1734w, https:\/\/i0.wp.com\/itayachtscanada.com\/wp-content\/uploads\/2025\/04\/Capture-decran-le-2025-04-17-a-15.40.00.jpg?resize=300%2C169&amp;ssl=1 300w, https:\/\/i0.wp.com\/itayachtscanada.com\/wp-content\/uploads\/2025\/04\/Capture-decran-le-2025-04-17-a-15.40.00.jpg?resize=1024%2C575&amp;ssl=1 1024w, https:\/\/i0.wp.com\/itayachtscanada.com\/wp-content\/uploads\/2025\/04\/Capture-decran-le-2025-04-17-a-15.40.00.jpg?resize=768%2C431&amp;ssl=1 768w, https:\/\/i0.wp.com\/itayachtscanada.com\/wp-content\/uploads\/2025\/04\/Capture-decran-le-2025-04-17-a-15.40.00.jpg?resize=1536%2C863&amp;ssl=1 1536w, https:\/\/i0.wp.com\/itayachtscanada.com\/wp-content\/uploads\/2025\/04\/Capture-decran-le-2025-04-17-a-15.40.00.jpg?resize=700%2C393&amp;ssl=1 700w, https:\/\/i0.wp.com\/itayachtscanada.com\/wp-content\/uploads\/2025\/04\/Capture-decran-le-2025-04-17-a-15.40.00.jpg?resize=712%2C400&amp;ssl=1 712w, https:\/\/i0.wp.com\/itayachtscanada.com\/wp-content\/uploads\/2025\/04\/Capture-decran-le-2025-04-17-a-15.40.00.jpg?w=1400&amp;ssl=1 1400w\" width=\"346\" height=\"194\" loading=\"lazy\" data-original-width=\"346\" data-original-height=\"194\" itemprop=\"http:\/\/schema.org\/image\" title=\"Capture d\u2019e\u0301cran, le 2025-04-17 a\u0300 15.40.00\" alt=\"Capture d\u2019e\u0301cran, le 2025-04-17 a\u0300 15.40.00\" style=\"width: 346px; height: 194px;\" \/> <\/a> <\/div> <\/div> <!-- close group --> <div class=\"gallery-group images-1\" style=\"width: 350px; height: 198px;\" data-original-width=\"350\" data-original-height=\"198\" > <div class=\"tiled-gallery-item tiled-gallery-item-large\" itemprop=\"associatedMedia\" itemscope itemtype=\"http:\/\/schema.org\/ImageObject\"> <a href=\"https:\/\/itayachtscanada.com\/fr\/listing\/azimut-grande-27-metri-2021-5644000-usd-for-sale\/capture-decran-le-2025-04-17-a-15-40-07\/\" border=\"0\" itemprop=\"url\"> <meta itemprop=\"width\" content=\"346\"> <meta itemprop=\"height\" content=\"194\"> <img decoding=\"async\" class=\"\" data-attachment-id=\"218705\" data-orig-file=\"https:\/\/itayachtscanada.com\/wp-content\/uploads\/2025\/04\/Capture-decran-le-2025-04-17-a-15.40.07.jpg\" data-orig-size=\"1734,974\" data-comments-opened=\"1\" data-image-meta=\"{&quot;aperture&quot;:&quot;0&quot;,&quot;credit&quot;:&quot;&quot;,&quot;camera&quot;:&quot;&quot;,&quot;caption&quot;:&quot;&quot;,&quot;created_timestamp&quot;:&quot;0&quot;,&quot;copyright&quot;:&quot;&quot;,&quot;focal_length&quot;:&quot;0&quot;,&quot;iso&quot;:&quot;0&quot;,&quot;shutter_speed&quot;:&quot;0&quot;,&quot;title&quot;:&quot;&quot;,&quot;orientation&quot;:&quot;0&quot;}\" data-image-title=\"Capture d\u2019e\u0301cran, le 2025-04-17 a\u0300 15.40.07\" data-image-description=\"\" data-medium-file=\"https:\/\/i0.wp.com\/itayachtscanada.com\/wp-content\/uploads\/2025\/04\/Capture-decran-le-2025-04-17-a-15.40.07.jpg?fit=300%2C169&#038;ssl=1\" data-large-file=\"https:\/\/i0.wp.com\/itayachtscanada.com\/wp-content\/uploads\/2025\/04\/Capture-decran-le-2025-04-17-a-15.40.07.jpg?fit=700%2C393&#038;ssl=1\" src=\"https:\/\/i0.wp.com\/itayachtscanada.com\/wp-content\/uploads\/2025\/04\/Capture-decran-le-2025-04-17-a-15.40.07.jpg?w=346&#038;h=194&#038;ssl=1\" srcset=\"https:\/\/i0.wp.com\/itayachtscanada.com\/wp-content\/uploads\/2025\/04\/Capture-decran-le-2025-04-17-a-15.40.07.jpg?w=1734&amp;ssl=1 1734w, https:\/\/i0.wp.com\/itayachtscanada.com\/wp-content\/uploads\/2025\/04\/Capture-decran-le-2025-04-17-a-15.40.07.jpg?resize=300%2C169&amp;ssl=1 300w, https:\/\/i0.wp.com\/itayachtscanada.com\/wp-content\/uploads\/2025\/04\/Capture-decran-le-2025-04-17-a-15.40.07.jpg?resize=1024%2C575&amp;ssl=1 1024w, https:\/\/i0.wp.com\/itayachtscanada.com\/wp-content\/uploads\/2025\/04\/Capture-decran-le-2025-04-17-a-15.40.07.jpg?resize=768%2C431&amp;ssl=1 768w, https:\/\/i0.wp.com\/itayachtscanada.com\/wp-content\/uploads\/2025\/04\/Capture-decran-le-2025-04-17-a-15.40.07.jpg?resize=1536%2C863&amp;ssl=1 1536w, https:\/\/i0.wp.com\/itayachtscanada.com\/wp-content\/uploads\/2025\/04\/Capture-decran-le-2025-04-17-a-15.40.07.jpg?resize=700%2C393&amp;ssl=1 700w, https:\/\/i0.wp.com\/itayachtscanada.com\/wp-content\/uploads\/2025\/04\/Capture-decran-le-2025-04-17-a-15.40.07.jpg?resize=712%2C400&amp;ssl=1 712w, https:\/\/i0.wp.com\/itayachtscanada.com\/wp-content\/uploads\/2025\/04\/Capture-decran-le-2025-04-17-a-15.40.07.jpg?w=1400&amp;ssl=1 1400w\" width=\"346\" height=\"194\" loading=\"lazy\" data-original-width=\"346\" data-original-height=\"194\" itemprop=\"http:\/\/schema.org\/image\" title=\"Capture d\u2019e\u0301cran, le 2025-04-17 a\u0300 15.40.07\" alt=\"Capture d\u2019e\u0301cran, le 2025-04-17 a\u0300 15.40.07\" style=\"width: 346px; height: 194px;\" \/> <\/a> <\/div> <\/div> <!-- close group --> <\/div> <!-- close row --> <div class=\"gallery-row\" style=\"width: 700px; height: 198px;\" data-original-width=\"700\" data-original-height=\"198\" > <div class=\"gallery-group images-1\" style=\"width: 350px; height: 198px;\" data-original-width=\"350\" data-original-height=\"198\" > <div class=\"tiled-gallery-item tiled-gallery-item-large\" itemprop=\"associatedMedia\" itemscope itemtype=\"http:\/\/schema.org\/ImageObject\"> <a href=\"https:\/\/itayachtscanada.com\/fr\/listing\/azimut-grande-27-metri-2021-5644000-usd-for-sale\/capture-decran-le-2025-04-17-a-15-40-13\/\" border=\"0\" itemprop=\"url\"> <meta itemprop=\"width\" content=\"346\"> <meta itemprop=\"height\" content=\"194\"> <img decoding=\"async\" class=\"\" data-attachment-id=\"218703\" data-orig-file=\"https:\/\/itayachtscanada.com\/wp-content\/uploads\/2025\/04\/Capture-decran-le-2025-04-17-a-15.40.13.jpg\" data-orig-size=\"1734,974\" data-comments-opened=\"1\" data-image-meta=\"{&quot;aperture&quot;:&quot;0&quot;,&quot;credit&quot;:&quot;&quot;,&quot;camera&quot;:&quot;&quot;,&quot;caption&quot;:&quot;&quot;,&quot;created_timestamp&quot;:&quot;0&quot;,&quot;copyright&quot;:&quot;&quot;,&quot;focal_length&quot;:&quot;0&quot;,&quot;iso&quot;:&quot;0&quot;,&quot;shutter_speed&quot;:&quot;0&quot;,&quot;title&quot;:&quot;&quot;,&quot;orientation&quot;:&quot;0&quot;}\" data-image-title=\"Capture d\u2019e\u0301cran, le 2025-04-17 a\u0300 15.40.13\" data-image-description=\"\" data-medium-file=\"https:\/\/i0.wp.com\/itayachtscanada.com\/wp-content\/uploads\/2025\/04\/Capture-decran-le-2025-04-17-a-15.40.13.jpg?fit=300%2C169&#038;ssl=1\" data-large-file=\"https:\/\/i0.wp.com\/itayachtscanada.com\/wp-content\/uploads\/2025\/04\/Capture-decran-le-2025-04-17-a-15.40.13.jpg?fit=700%2C393&#038;ssl=1\" src=\"https:\/\/i0.wp.com\/itayachtscanada.com\/wp-content\/uploads\/2025\/04\/Capture-decran-le-2025-04-17-a-15.40.13.jpg?w=346&#038;h=194&#038;ssl=1\" srcset=\"https:\/\/i0.wp.com\/itayachtscanada.com\/wp-content\/uploads\/2025\/04\/Capture-decran-le-2025-04-17-a-15.40.13.jpg?w=1734&amp;ssl=1 1734w, https:\/\/i0.wp.com\/itayachtscanada.com\/wp-content\/uploads\/2025\/04\/Capture-decran-le-2025-04-17-a-15.40.13.jpg?resize=300%2C169&amp;ssl=1 300w, https:\/\/i0.wp.com\/itayachtscanada.com\/wp-content\/uploads\/2025\/04\/Capture-decran-le-2025-04-17-a-15.40.13.jpg?resize=1024%2C575&amp;ssl=1 1024w, https:\/\/i0.wp.com\/itayachtscanada.com\/wp-content\/uploads\/2025\/04\/Capture-decran-le-2025-04-17-a-15.40.13.jpg?resize=768%2C431&amp;ssl=1 768w, https:\/\/i0.wp.com\/itayachtscanada.com\/wp-content\/uploads\/2025\/04\/Capture-decran-le-2025-04-17-a-15.40.13.jpg?resize=1536%2C863&amp;ssl=1 1536w, https:\/\/i0.wp.com\/itayachtscanada.com\/wp-content\/uploads\/2025\/04\/Capture-decran-le-2025-04-17-a-15.40.13.jpg?resize=700%2C393&amp;ssl=1 700w, https:\/\/i0.wp.com\/itayachtscanada.com\/wp-content\/uploads\/2025\/04\/Capture-decran-le-2025-04-17-a-15.40.13.jpg?resize=712%2C400&amp;ssl=1 712w, https:\/\/i0.wp.com\/itayachtscanada.com\/wp-content\/uploads\/2025\/04\/Capture-decran-le-2025-04-17-a-15.40.13.jpg?w=1400&amp;ssl=1 1400w\" width=\"346\" height=\"194\" loading=\"lazy\" data-original-width=\"346\" data-original-height=\"194\" itemprop=\"http:\/\/schema.org\/image\" title=\"Capture d\u2019e\u0301cran, le 2025-04-17 a\u0300 15.40.13\" alt=\"Capture d\u2019e\u0301cran, le 2025-04-17 a\u0300 15.40.13\" style=\"width: 346px; height: 194px;\" \/> <\/a> <\/div> <\/div> <!-- close group --> <div class=\"gallery-group images-1\" style=\"width: 350px; height: 198px;\" data-original-width=\"350\" data-original-height=\"198\" > <div class=\"tiled-gallery-item tiled-gallery-item-large\" itemprop=\"associatedMedia\" itemscope itemtype=\"http:\/\/schema.org\/ImageObject\"> <a href=\"https:\/\/itayachtscanada.com\/fr\/listing\/azimut-grande-27-metri-2021-5644000-usd-for-sale\/capture-decran-le-2025-04-17-a-15-40-31\/\" border=\"0\" itemprop=\"url\"> <meta itemprop=\"width\" content=\"346\"> <meta itemprop=\"height\" content=\"194\"> <img decoding=\"async\" class=\"\" data-attachment-id=\"218698\" data-orig-file=\"https:\/\/itayachtscanada.com\/wp-content\/uploads\/2025\/04\/Capture-decran-le-2025-04-17-a-15.40.31.jpg\" data-orig-size=\"1734,974\" data-comments-opened=\"1\" data-image-meta=\"{&quot;aperture&quot;:&quot;0&quot;,&quot;credit&quot;:&quot;&quot;,&quot;camera&quot;:&quot;&quot;,&quot;caption&quot;:&quot;&quot;,&quot;created_timestamp&quot;:&quot;0&quot;,&quot;copyright&quot;:&quot;&quot;,&quot;focal_length&quot;:&quot;0&quot;,&quot;iso&quot;:&quot;0&quot;,&quot;shutter_speed&quot;:&quot;0&quot;,&quot;title&quot;:&quot;&quot;,&quot;orientation&quot;:&quot;0&quot;}\" data-image-title=\"Capture d\u2019e\u0301cran, le 2025-04-17 a\u0300 15.40.31\" data-image-description=\"\" data-medium-file=\"https:\/\/i0.wp.com\/itayachtscanada.com\/wp-content\/uploads\/2025\/04\/Capture-decran-le-2025-04-17-a-15.40.31.jpg?fit=300%2C169&#038;ssl=1\" data-large-file=\"https:\/\/i0.wp.com\/itayachtscanada.com\/wp-content\/uploads\/2025\/04\/Capture-decran-le-2025-04-17-a-15.40.31.jpg?fit=700%2C393&#038;ssl=1\" src=\"https:\/\/i0.wp.com\/itayachtscanada.com\/wp-content\/uploads\/2025\/04\/Capture-decran-le-2025-04-17-a-15.40.31.jpg?w=346&#038;h=194&#038;ssl=1\" srcset=\"https:\/\/i0.wp.com\/itayachtscanada.com\/wp-content\/uploads\/2025\/04\/Capture-decran-le-2025-04-17-a-15.40.31.jpg?w=1734&amp;ssl=1 1734w, https:\/\/i0.wp.com\/itayachtscanada.com\/wp-content\/uploads\/2025\/04\/Capture-decran-le-2025-04-17-a-15.40.31.jpg?resize=300%2C169&amp;ssl=1 300w, https:\/\/i0.wp.com\/itayachtscanada.com\/wp-content\/uploads\/2025\/04\/Capture-decran-le-2025-04-17-a-15.40.31.jpg?resize=1024%2C575&amp;ssl=1 1024w, https:\/\/i0.wp.com\/itayachtscanada.com\/wp-content\/uploads\/2025\/04\/Capture-decran-le-2025-04-17-a-15.40.31.jpg?resize=768%2C431&amp;ssl=1 768w, https:\/\/i0.wp.com\/itayachtscanada.com\/wp-content\/uploads\/2025\/04\/Capture-decran-le-2025-04-17-a-15.40.31.jpg?resize=1536%2C863&amp;ssl=1 1536w, https:\/\/i0.wp.com\/itayachtscanada.com\/wp-content\/uploads\/2025\/04\/Capture-decran-le-2025-04-17-a-15.40.31.jpg?resize=700%2C393&amp;ssl=1 700w, https:\/\/i0.wp.com\/itayachtscanada.com\/wp-content\/uploads\/2025\/04\/Capture-decran-le-2025-04-17-a-15.40.31.jpg?resize=712%2C400&amp;ssl=1 712w, https:\/\/i0.wp.com\/itayachtscanada.com\/wp-content\/uploads\/2025\/04\/Capture-decran-le-2025-04-17-a-15.40.31.jpg?w=1400&amp;ssl=1 1400w\" width=\"346\" height=\"194\" loading=\"lazy\" data-original-width=\"346\" data-original-height=\"194\" itemprop=\"http:\/\/schema.org\/image\" title=\"Capture d\u2019e\u0301cran, le 2025-04-17 a\u0300 15.40.31\" alt=\"Capture d\u2019e\u0301cran, le 2025-04-17 a\u0300 15.40.31\" style=\"width: 346px; height: 194px;\" \/> <\/a> <\/div> <\/div> <!-- close group --> <\/div> <!-- close row --> <div class=\"gallery-row\" style=\"width: 700px; height: 198px;\" data-original-width=\"700\" data-original-height=\"198\" > <div class=\"gallery-group images-1\" style=\"width: 350px; height: 198px;\" data-original-width=\"350\" data-original-height=\"198\" > <div class=\"tiled-gallery-item tiled-gallery-item-large\" itemprop=\"associatedMedia\" itemscope itemtype=\"http:\/\/schema.org\/ImageObject\"> <a href=\"https:\/\/itayachtscanada.com\/fr\/listing\/azimut-grande-27-metri-2021-5644000-usd-for-sale\/capture-decran-le-2025-04-17-a-15-40-17\/\" border=\"0\" itemprop=\"url\"> <meta itemprop=\"width\" content=\"346\"> <meta itemprop=\"height\" content=\"194\"> <img decoding=\"async\" class=\"\" data-attachment-id=\"218702\" data-orig-file=\"https:\/\/itayachtscanada.com\/wp-content\/uploads\/2025\/04\/Capture-decran-le-2025-04-17-a-15.40.17.jpg\" data-orig-size=\"1734,974\" data-comments-opened=\"1\" data-image-meta=\"{&quot;aperture&quot;:&quot;0&quot;,&quot;credit&quot;:&quot;&quot;,&quot;camera&quot;:&quot;&quot;,&quot;caption&quot;:&quot;&quot;,&quot;created_timestamp&quot;:&quot;0&quot;,&quot;copyright&quot;:&quot;&quot;,&quot;focal_length&quot;:&quot;0&quot;,&quot;iso&quot;:&quot;0&quot;,&quot;shutter_speed&quot;:&quot;0&quot;,&quot;title&quot;:&quot;&quot;,&quot;orientation&quot;:&quot;0&quot;}\" data-image-title=\"Capture d\u2019e\u0301cran, le 2025-04-17 a\u0300 15.40.17\" data-image-description=\"\" data-medium-file=\"https:\/\/i0.wp.com\/itayachtscanada.com\/wp-content\/uploads\/2025\/04\/Capture-decran-le-2025-04-17-a-15.40.17.jpg?fit=300%2C169&#038;ssl=1\" data-large-file=\"https:\/\/i0.wp.com\/itayachtscanada.com\/wp-content\/uploads\/2025\/04\/Capture-decran-le-2025-04-17-a-15.40.17.jpg?fit=700%2C393&#038;ssl=1\" src=\"https:\/\/i0.wp.com\/itayachtscanada.com\/wp-content\/uploads\/2025\/04\/Capture-decran-le-2025-04-17-a-15.40.17.jpg?w=346&#038;h=194&#038;ssl=1\" srcset=\"https:\/\/i0.wp.com\/itayachtscanada.com\/wp-content\/uploads\/2025\/04\/Capture-decran-le-2025-04-17-a-15.40.17.jpg?w=1734&amp;ssl=1 1734w, https:\/\/i0.wp.com\/itayachtscanada.com\/wp-content\/uploads\/2025\/04\/Capture-decran-le-2025-04-17-a-15.40.17.jpg?resize=300%2C169&amp;ssl=1 300w, https:\/\/i0.wp.com\/itayachtscanada.com\/wp-content\/uploads\/2025\/04\/Capture-decran-le-2025-04-17-a-15.40.17.jpg?resize=1024%2C575&amp;ssl=1 1024w, https:\/\/i0.wp.com\/itayachtscanada.com\/wp-content\/uploads\/2025\/04\/Capture-decran-le-2025-04-17-a-15.40.17.jpg?resize=768%2C431&amp;ssl=1 768w, https:\/\/i0.wp.com\/itayachtscanada.com\/wp-content\/uploads\/2025\/04\/Capture-decran-le-2025-04-17-a-15.40.17.jpg?resize=1536%2C863&amp;ssl=1 1536w, https:\/\/i0.wp.com\/itayachtscanada.com\/wp-content\/uploads\/2025\/04\/Capture-decran-le-2025-04-17-a-15.40.17.jpg?resize=700%2C393&amp;ssl=1 700w, https:\/\/i0.wp.com\/itayachtscanada.com\/wp-content\/uploads\/2025\/04\/Capture-decran-le-2025-04-17-a-15.40.17.jpg?resize=712%2C400&amp;ssl=1 712w, https:\/\/i0.wp.com\/itayachtscanada.com\/wp-content\/uploads\/2025\/04\/Capture-decran-le-2025-04-17-a-15.40.17.jpg?w=1400&amp;ssl=1 1400w\" width=\"346\" height=\"194\" loading=\"lazy\" data-original-width=\"346\" data-original-height=\"194\" itemprop=\"http:\/\/schema.org\/image\" title=\"Capture d\u2019e\u0301cran, le 2025-04-17 a\u0300 15.40.17\" alt=\"Capture d\u2019e\u0301cran, le 2025-04-17 a\u0300 15.40.17\" style=\"width: 346px; height: 194px;\" \/> <\/a> <\/div> <\/div> <!-- close group --> <div class=\"gallery-group images-1\" style=\"width: 350px; height: 198px;\" data-original-width=\"350\" data-original-height=\"198\" > <div class=\"tiled-gallery-item tiled-gallery-item-large\" itemprop=\"associatedMedia\" itemscope itemtype=\"http:\/\/schema.org\/ImageObject\"> <a href=\"https:\/\/itayachtscanada.com\/fr\/listing\/azimut-grande-27-metri-2021-5644000-usd-for-sale\/capture-decran-le-2025-04-17-a-15-40-24\/\" border=\"0\" itemprop=\"url\"> <meta itemprop=\"width\" content=\"346\"> <meta itemprop=\"height\" content=\"194\"> <img decoding=\"async\" class=\"\" data-attachment-id=\"218700\" data-orig-file=\"https:\/\/itayachtscanada.com\/wp-content\/uploads\/2025\/04\/Capture-decran-le-2025-04-17-a-15.40.24.jpg\" data-orig-size=\"1734,974\" data-comments-opened=\"1\" data-image-meta=\"{&quot;aperture&quot;:&quot;0&quot;,&quot;credit&quot;:&quot;&quot;,&quot;camera&quot;:&quot;&quot;,&quot;caption&quot;:&quot;&quot;,&quot;created_timestamp&quot;:&quot;0&quot;,&quot;copyright&quot;:&quot;&quot;,&quot;focal_length&quot;:&quot;0&quot;,&quot;iso&quot;:&quot;0&quot;,&quot;shutter_speed&quot;:&quot;0&quot;,&quot;title&quot;:&quot;&quot;,&quot;orientation&quot;:&quot;0&quot;}\" data-image-title=\"Capture d\u2019e\u0301cran, le 2025-04-17 a\u0300 15.40.24\" data-image-description=\"\" data-medium-file=\"https:\/\/i0.wp.com\/itayachtscanada.com\/wp-content\/uploads\/2025\/04\/Capture-decran-le-2025-04-17-a-15.40.24.jpg?fit=300%2C169&#038;ssl=1\" data-large-file=\"https:\/\/i0.wp.com\/itayachtscanada.com\/wp-content\/uploads\/2025\/04\/Capture-decran-le-2025-04-17-a-15.40.24.jpg?fit=700%2C393&#038;ssl=1\" src=\"https:\/\/i0.wp.com\/itayachtscanada.com\/wp-content\/uploads\/2025\/04\/Capture-decran-le-2025-04-17-a-15.40.24.jpg?w=346&#038;h=194&#038;ssl=1\" srcset=\"https:\/\/i0.wp.com\/itayachtscanada.com\/wp-content\/uploads\/2025\/04\/Capture-decran-le-2025-04-17-a-15.40.24.jpg?w=1734&amp;ssl=1 1734w, https:\/\/i0.wp.com\/itayachtscanada.com\/wp-content\/uploads\/2025\/04\/Capture-decran-le-2025-04-17-a-15.40.24.jpg?resize=300%2C169&amp;ssl=1 300w, https:\/\/i0.wp.com\/itayachtscanada.com\/wp-content\/uploads\/2025\/04\/Capture-decran-le-2025-04-17-a-15.40.24.jpg?resize=1024%2C575&amp;ssl=1 1024w, https:\/\/i0.wp.com\/itayachtscanada.com\/wp-content\/uploads\/2025\/04\/Capture-decran-le-2025-04-17-a-15.40.24.jpg?resize=768%2C431&amp;ssl=1 768w, https:\/\/i0.wp.com\/itayachtscanada.com\/wp-content\/uploads\/2025\/04\/Capture-decran-le-2025-04-17-a-15.40.24.jpg?resize=1536%2C863&amp;ssl=1 1536w, https:\/\/i0.wp.com\/itayachtscanada.com\/wp-content\/uploads\/2025\/04\/Capture-decran-le-2025-04-17-a-15.40.24.jpg?resize=700%2C393&amp;ssl=1 700w, https:\/\/i0.wp.com\/itayachtscanada.com\/wp-content\/uploads\/2025\/04\/Capture-decran-le-2025-04-17-a-15.40.24.jpg?resize=712%2C400&amp;ssl=1 712w, https:\/\/i0.wp.com\/itayachtscanada.com\/wp-content\/uploads\/2025\/04\/Capture-decran-le-2025-04-17-a-15.40.24.jpg?w=1400&amp;ssl=1 1400w\" width=\"346\" height=\"194\" loading=\"lazy\" data-original-width=\"346\" data-original-height=\"194\" itemprop=\"http:\/\/schema.org\/image\" title=\"Capture d\u2019e\u0301cran, le 2025-04-17 a\u0300 15.40.24\" alt=\"Capture d\u2019e\u0301cran, le 2025-04-17 a\u0300 15.40.24\" style=\"width: 346px; height: 194px;\" \/> <\/a> <\/div> <\/div> <!-- close group --> <\/div> <!-- close row --> <div class=\"gallery-row\" style=\"width: 700px; height: 198px;\" data-original-width=\"700\" data-original-height=\"198\" > <div class=\"gallery-group images-1\" style=\"width: 350px; height: 198px;\" data-original-width=\"350\" data-original-height=\"198\" > <div class=\"tiled-gallery-item tiled-gallery-item-large\" itemprop=\"associatedMedia\" itemscope itemtype=\"http:\/\/schema.org\/ImageObject\"> <a href=\"https:\/\/itayachtscanada.com\/fr\/listing\/azimut-grande-27-metri-2021-5644000-usd-for-sale\/capture-decran-le-2025-04-17-a-15-40-04\/\" border=\"0\" itemprop=\"url\"> <meta itemprop=\"width\" content=\"346\"> <meta itemprop=\"height\" content=\"194\"> <img decoding=\"async\" class=\"\" data-attachment-id=\"218706\" data-orig-file=\"https:\/\/itayachtscanada.com\/wp-content\/uploads\/2025\/04\/Capture-decran-le-2025-04-17-a-15.40.04.jpg\" data-orig-size=\"1734,974\" data-comments-opened=\"1\" data-image-meta=\"{&quot;aperture&quot;:&quot;0&quot;,&quot;credit&quot;:&quot;&quot;,&quot;camera&quot;:&quot;&quot;,&quot;caption&quot;:&quot;&quot;,&quot;created_timestamp&quot;:&quot;0&quot;,&quot;copyright&quot;:&quot;&quot;,&quot;focal_length&quot;:&quot;0&quot;,&quot;iso&quot;:&quot;0&quot;,&quot;shutter_speed&quot;:&quot;0&quot;,&quot;title&quot;:&quot;&quot;,&quot;orientation&quot;:&quot;0&quot;}\" data-image-title=\"Capture d\u2019e\u0301cran, le 2025-04-17 a\u0300 15.40.04\" data-image-description=\"\" data-medium-file=\"https:\/\/i0.wp.com\/itayachtscanada.com\/wp-content\/uploads\/2025\/04\/Capture-decran-le-2025-04-17-a-15.40.04.jpg?fit=300%2C169&#038;ssl=1\" data-large-file=\"https:\/\/i0.wp.com\/itayachtscanada.com\/wp-content\/uploads\/2025\/04\/Capture-decran-le-2025-04-17-a-15.40.04.jpg?fit=700%2C393&#038;ssl=1\" src=\"https:\/\/i0.wp.com\/itayachtscanada.com\/wp-content\/uploads\/2025\/04\/Capture-decran-le-2025-04-17-a-15.40.04.jpg?w=346&#038;h=194&#038;ssl=1\" srcset=\"https:\/\/i0.wp.com\/itayachtscanada.com\/wp-content\/uploads\/2025\/04\/Capture-decran-le-2025-04-17-a-15.40.04.jpg?w=1734&amp;ssl=1 1734w, https:\/\/i0.wp.com\/itayachtscanada.com\/wp-content\/uploads\/2025\/04\/Capture-decran-le-2025-04-17-a-15.40.04.jpg?resize=300%2C169&amp;ssl=1 300w, https:\/\/i0.wp.com\/itayachtscanada.com\/wp-content\/uploads\/2025\/04\/Capture-decran-le-2025-04-17-a-15.40.04.jpg?resize=1024%2C575&amp;ssl=1 1024w, https:\/\/i0.wp.com\/itayachtscanada.com\/wp-content\/uploads\/2025\/04\/Capture-decran-le-2025-04-17-a-15.40.04.jpg?resize=768%2C431&amp;ssl=1 768w, https:\/\/i0.wp.com\/itayachtscanada.com\/wp-content\/uploads\/2025\/04\/Capture-decran-le-2025-04-17-a-15.40.04.jpg?resize=1536%2C863&amp;ssl=1 1536w, https:\/\/i0.wp.com\/itayachtscanada.com\/wp-content\/uploads\/2025\/04\/Capture-decran-le-2025-04-17-a-15.40.04.jpg?resize=700%2C393&amp;ssl=1 700w, https:\/\/i0.wp.com\/itayachtscanada.com\/wp-content\/uploads\/2025\/04\/Capture-decran-le-2025-04-17-a-15.40.04.jpg?resize=712%2C400&amp;ssl=1 712w, https:\/\/i0.wp.com\/itayachtscanada.com\/wp-content\/uploads\/2025\/04\/Capture-decran-le-2025-04-17-a-15.40.04.jpg?w=1400&amp;ssl=1 1400w\" width=\"346\" height=\"194\" loading=\"lazy\" data-original-width=\"346\" data-original-height=\"194\" itemprop=\"http:\/\/schema.org\/image\" title=\"Capture d\u2019e\u0301cran, le 2025-04-17 a\u0300 15.40.04\" alt=\"Capture d\u2019e\u0301cran, le 2025-04-17 a\u0300 15.40.04\" style=\"width: 346px; height: 194px;\" \/> <\/a> <\/div> <\/div> <!-- close group --> <div class=\"gallery-group images-1\" style=\"width: 350px; height: 198px;\" data-original-width=\"350\" data-original-height=\"198\" > <div class=\"tiled-gallery-item tiled-gallery-item-large\" itemprop=\"associatedMedia\" itemscope itemtype=\"http:\/\/schema.org\/ImageObject\"> <a href=\"https:\/\/itayachtscanada.com\/fr\/listing\/azimut-grande-27-metri-2021-5644000-usd-for-sale\/capture-decran-le-2025-04-17-a-15-40-20\/\" border=\"0\" itemprop=\"url\"> <meta itemprop=\"width\" content=\"346\"> <meta itemprop=\"height\" content=\"194\"> <img decoding=\"async\" class=\"\" data-attachment-id=\"218701\" data-orig-file=\"https:\/\/itayachtscanada.com\/wp-content\/uploads\/2025\/04\/Capture-decran-le-2025-04-17-a-15.40.20.jpg\" data-orig-size=\"1734,974\" data-comments-opened=\"1\" data-image-meta=\"{&quot;aperture&quot;:&quot;0&quot;,&quot;credit&quot;:&quot;&quot;,&quot;camera&quot;:&quot;&quot;,&quot;caption&quot;:&quot;&quot;,&quot;created_timestamp&quot;:&quot;0&quot;,&quot;copyright&quot;:&quot;&quot;,&quot;focal_length&quot;:&quot;0&quot;,&quot;iso&quot;:&quot;0&quot;,&quot;shutter_speed&quot;:&quot;0&quot;,&quot;title&quot;:&quot;&quot;,&quot;orientation&quot;:&quot;0&quot;}\" data-image-title=\"Capture d\u2019e\u0301cran, le 2025-04-17 a\u0300 15.40.20\" data-image-description=\"\" data-medium-file=\"https:\/\/i0.wp.com\/itayachtscanada.com\/wp-content\/uploads\/2025\/04\/Capture-decran-le-2025-04-17-a-15.40.20.jpg?fit=300%2C169&#038;ssl=1\" data-large-file=\"https:\/\/i0.wp.com\/itayachtscanada.com\/wp-content\/uploads\/2025\/04\/Capture-decran-le-2025-04-17-a-15.40.20.jpg?fit=700%2C393&#038;ssl=1\" src=\"https:\/\/i0.wp.com\/itayachtscanada.com\/wp-content\/uploads\/2025\/04\/Capture-decran-le-2025-04-17-a-15.40.20.jpg?w=346&#038;h=194&#038;ssl=1\" srcset=\"https:\/\/i0.wp.com\/itayachtscanada.com\/wp-content\/uploads\/2025\/04\/Capture-decran-le-2025-04-17-a-15.40.20.jpg?w=1734&amp;ssl=1 1734w, https:\/\/i0.wp.com\/itayachtscanada.com\/wp-content\/uploads\/2025\/04\/Capture-decran-le-2025-04-17-a-15.40.20.jpg?resize=300%2C169&amp;ssl=1 300w, https:\/\/i0.wp.com\/itayachtscanada.com\/wp-content\/uploads\/2025\/04\/Capture-decran-le-2025-04-17-a-15.40.20.jpg?resize=1024%2C575&amp;ssl=1 1024w, https:\/\/i0.wp.com\/itayachtscanada.com\/wp-content\/uploads\/2025\/04\/Capture-decran-le-2025-04-17-a-15.40.20.jpg?resize=768%2C431&amp;ssl=1 768w, https:\/\/i0.wp.com\/itayachtscanada.com\/wp-content\/uploads\/2025\/04\/Capture-decran-le-2025-04-17-a-15.40.20.jpg?resize=1536%2C863&amp;ssl=1 1536w, https:\/\/i0.wp.com\/itayachtscanada.com\/wp-content\/uploads\/2025\/04\/Capture-decran-le-2025-04-17-a-15.40.20.jpg?resize=700%2C393&amp;ssl=1 700w, https:\/\/i0.wp.com\/itayachtscanada.com\/wp-content\/uploads\/2025\/04\/Capture-decran-le-2025-04-17-a-15.40.20.jpg?resize=712%2C400&amp;ssl=1 712w, https:\/\/i0.wp.com\/itayachtscanada.com\/wp-content\/uploads\/2025\/04\/Capture-decran-le-2025-04-17-a-15.40.20.jpg?w=1400&amp;ssl=1 1400w\" width=\"346\" height=\"194\" loading=\"lazy\" data-original-width=\"346\" data-original-height=\"194\" itemprop=\"http:\/\/schema.org\/image\" title=\"Capture d\u2019e\u0301cran, le 2025-04-17 a\u0300 15.40.20\" alt=\"Capture d\u2019e\u0301cran, le 2025-04-17 a\u0300 15.40.20\" style=\"width: 346px; height: 194px;\" \/> <\/a> <\/div> <\/div> <!-- close group --> <\/div> <!-- close row --> <div class=\"gallery-row\" style=\"width: 700px; height: 198px;\" data-original-width=\"700\" data-original-height=\"198\" > <div class=\"gallery-group images-1\" style=\"width: 350px; height: 198px;\" data-original-width=\"350\" data-original-height=\"198\" > <div class=\"tiled-gallery-item tiled-gallery-item-large\" itemprop=\"associatedMedia\" itemscope itemtype=\"http:\/\/schema.org\/ImageObject\"> <a href=\"https:\/\/itayachtscanada.com\/fr\/listing\/azimut-grande-27-metri-2021-5644000-usd-for-sale\/capture-decran-le-2025-04-17-a-15-39-41\/\" border=\"0\" itemprop=\"url\"> <meta itemprop=\"width\" content=\"346\"> <meta itemprop=\"height\" content=\"194\"> <img decoding=\"async\" class=\"\" data-attachment-id=\"218712\" data-orig-file=\"https:\/\/itayachtscanada.com\/wp-content\/uploads\/2025\/04\/Capture-decran-le-2025-04-17-a-15.39.41.jpg\" data-orig-size=\"1734,974\" data-comments-opened=\"1\" data-image-meta=\"{&quot;aperture&quot;:&quot;0&quot;,&quot;credit&quot;:&quot;&quot;,&quot;camera&quot;:&quot;&quot;,&quot;caption&quot;:&quot;&quot;,&quot;created_timestamp&quot;:&quot;0&quot;,&quot;copyright&quot;:&quot;&quot;,&quot;focal_length&quot;:&quot;0&quot;,&quot;iso&quot;:&quot;0&quot;,&quot;shutter_speed&quot;:&quot;0&quot;,&quot;title&quot;:&quot;&quot;,&quot;orientation&quot;:&quot;0&quot;}\" data-image-title=\"Capture d\u2019e\u0301cran, le 2025-04-17 a\u0300 15.39.41\" data-image-description=\"\" data-medium-file=\"https:\/\/i0.wp.com\/itayachtscanada.com\/wp-content\/uploads\/2025\/04\/Capture-decran-le-2025-04-17-a-15.39.41.jpg?fit=300%2C169&#038;ssl=1\" data-large-file=\"https:\/\/i0.wp.com\/itayachtscanada.com\/wp-content\/uploads\/2025\/04\/Capture-decran-le-2025-04-17-a-15.39.41.jpg?fit=700%2C393&#038;ssl=1\" src=\"https:\/\/i0.wp.com\/itayachtscanada.com\/wp-content\/uploads\/2025\/04\/Capture-decran-le-2025-04-17-a-15.39.41.jpg?w=346&#038;h=194&#038;ssl=1\" srcset=\"https:\/\/i0.wp.com\/itayachtscanada.com\/wp-content\/uploads\/2025\/04\/Capture-decran-le-2025-04-17-a-15.39.41.jpg?w=1734&amp;ssl=1 1734w, https:\/\/i0.wp.com\/itayachtscanada.com\/wp-content\/uploads\/2025\/04\/Capture-decran-le-2025-04-17-a-15.39.41.jpg?resize=300%2C169&amp;ssl=1 300w, https:\/\/i0.wp.com\/itayachtscanada.com\/wp-content\/uploads\/2025\/04\/Capture-decran-le-2025-04-17-a-15.39.41.jpg?resize=1024%2C575&amp;ssl=1 1024w, https:\/\/i0.wp.com\/itayachtscanada.com\/wp-content\/uploads\/2025\/04\/Capture-decran-le-2025-04-17-a-15.39.41.jpg?resize=768%2C431&amp;ssl=1 768w, https:\/\/i0.wp.com\/itayachtscanada.com\/wp-content\/uploads\/2025\/04\/Capture-decran-le-2025-04-17-a-15.39.41.jpg?resize=1536%2C863&amp;ssl=1 1536w, https:\/\/i0.wp.com\/itayachtscanada.com\/wp-content\/uploads\/2025\/04\/Capture-decran-le-2025-04-17-a-15.39.41.jpg?resize=700%2C393&amp;ssl=1 700w, https:\/\/i0.wp.com\/itayachtscanada.com\/wp-content\/uploads\/2025\/04\/Capture-decran-le-2025-04-17-a-15.39.41.jpg?resize=712%2C400&amp;ssl=1 712w, https:\/\/i0.wp.com\/itayachtscanada.com\/wp-content\/uploads\/2025\/04\/Capture-decran-le-2025-04-17-a-15.39.41.jpg?w=1400&amp;ssl=1 1400w\" width=\"346\" height=\"194\" loading=\"lazy\" data-original-width=\"346\" data-original-height=\"194\" itemprop=\"http:\/\/schema.org\/image\" title=\"Capture d\u2019e\u0301cran, le 2025-04-17 a\u0300 15.39.41\" alt=\"Capture d\u2019e\u0301cran, le 2025-04-17 a\u0300 15.39.41\" style=\"width: 346px; height: 194px;\" \/> <\/a> <\/div> <\/div> <!-- close group --> <div class=\"gallery-group images-1\" style=\"width: 350px; height: 198px;\" data-original-width=\"350\" data-original-height=\"198\" > <div class=\"tiled-gallery-item tiled-gallery-item-large\" itemprop=\"associatedMedia\" itemscope itemtype=\"http:\/\/schema.org\/ImageObject\"> <a href=\"https:\/\/itayachtscanada.com\/fr\/listing\/azimut-grande-27-metri-2021-5644000-usd-for-sale\/capture-decran-le-2025-04-17-a-15-40-34\/\" border=\"0\" itemprop=\"url\"> <meta itemprop=\"width\" content=\"346\"> <meta itemprop=\"height\" content=\"194\"> <img decoding=\"async\" class=\"\" data-attachment-id=\"218697\" data-orig-file=\"https:\/\/itayachtscanada.com\/wp-content\/uploads\/2025\/04\/Capture-decran-le-2025-04-17-a-15.40.34.jpg\" data-orig-size=\"1734,974\" data-comments-opened=\"1\" data-image-meta=\"{&quot;aperture&quot;:&quot;0&quot;,&quot;credit&quot;:&quot;&quot;,&quot;camera&quot;:&quot;&quot;,&quot;caption&quot;:&quot;&quot;,&quot;created_timestamp&quot;:&quot;0&quot;,&quot;copyright&quot;:&quot;&quot;,&quot;focal_length&quot;:&quot;0&quot;,&quot;iso&quot;:&quot;0&quot;,&quot;shutter_speed&quot;:&quot;0&quot;,&quot;title&quot;:&quot;&quot;,&quot;orientation&quot;:&quot;0&quot;}\" data-image-title=\"Capture d\u2019e\u0301cran, le 2025-04-17 a\u0300 15.40.34\" data-image-description=\"\" data-medium-file=\"https:\/\/i0.wp.com\/itayachtscanada.com\/wp-content\/uploads\/2025\/04\/Capture-decran-le-2025-04-17-a-15.40.34.jpg?fit=300%2C169&#038;ssl=1\" data-large-file=\"https:\/\/i0.wp.com\/itayachtscanada.com\/wp-content\/uploads\/2025\/04\/Capture-decran-le-2025-04-17-a-15.40.34.jpg?fit=700%2C393&#038;ssl=1\" src=\"https:\/\/i0.wp.com\/itayachtscanada.com\/wp-content\/uploads\/2025\/04\/Capture-decran-le-2025-04-17-a-15.40.34.jpg?w=346&#038;h=194&#038;ssl=1\" srcset=\"https:\/\/i0.wp.com\/itayachtscanada.com\/wp-content\/uploads\/2025\/04\/Capture-decran-le-2025-04-17-a-15.40.34.jpg?w=1734&amp;ssl=1 1734w, https:\/\/i0.wp.com\/itayachtscanada.com\/wp-content\/uploads\/2025\/04\/Capture-decran-le-2025-04-17-a-15.40.34.jpg?resize=300%2C169&amp;ssl=1 300w, https:\/\/i0.wp.com\/itayachtscanada.com\/wp-content\/uploads\/2025\/04\/Capture-decran-le-2025-04-17-a-15.40.34.jpg?resize=1024%2C575&amp;ssl=1 1024w, https:\/\/i0.wp.com\/itayachtscanada.com\/wp-content\/uploads\/2025\/04\/Capture-decran-le-2025-04-17-a-15.40.34.jpg?resize=768%2C431&amp;ssl=1 768w, https:\/\/i0.wp.com\/itayachtscanada.com\/wp-content\/uploads\/2025\/04\/Capture-decran-le-2025-04-17-a-15.40.34.jpg?resize=1536%2C863&amp;ssl=1 1536w, https:\/\/i0.wp.com\/itayachtscanada.com\/wp-content\/uploads\/2025\/04\/Capture-decran-le-2025-04-17-a-15.40.34.jpg?resize=700%2C393&amp;ssl=1 700w, https:\/\/i0.wp.com\/itayachtscanada.com\/wp-content\/uploads\/2025\/04\/Capture-decran-le-2025-04-17-a-15.40.34.jpg?resize=712%2C400&amp;ssl=1 712w, https:\/\/i0.wp.com\/itayachtscanada.com\/wp-content\/uploads\/2025\/04\/Capture-decran-le-2025-04-17-a-15.40.34.jpg?w=1400&amp;ssl=1 1400w\" width=\"346\" height=\"194\" loading=\"lazy\" data-original-width=\"346\" data-original-height=\"194\" itemprop=\"http:\/\/schema.org\/image\" title=\"Capture d\u2019e\u0301cran, le 2025-04-17 a\u0300 15.40.34\" alt=\"Capture d\u2019e\u0301cran, le 2025-04-17 a\u0300 15.40.34\" style=\"width: 346px; height: 194px;\" \/> <\/a> <\/div> <\/div> <!-- close group --> <\/div> <!-- close row --> <div class=\"gallery-row\" style=\"width: 700px; height: 198px;\" data-original-width=\"700\" data-original-height=\"198\" > <div class=\"gallery-group images-1\" style=\"width: 350px; height: 198px;\" data-original-width=\"350\" data-original-height=\"198\" > <div class=\"tiled-gallery-item tiled-gallery-item-large\" itemprop=\"associatedMedia\" itemscope itemtype=\"http:\/\/schema.org\/ImageObject\"> <a href=\"https:\/\/itayachtscanada.com\/fr\/listing\/azimut-grande-27-metri-2021-5644000-usd-for-sale\/capture-decran-le-2025-04-17-a-15-40-40\/\" border=\"0\" itemprop=\"url\"> <meta itemprop=\"width\" content=\"346\"> <meta itemprop=\"height\" content=\"194\"> <img decoding=\"async\" class=\"\" data-attachment-id=\"218695\" data-orig-file=\"https:\/\/itayachtscanada.com\/wp-content\/uploads\/2025\/04\/Capture-decran-le-2025-04-17-a-15.40.40.jpg\" data-orig-size=\"1734,974\" data-comments-opened=\"1\" data-image-meta=\"{&quot;aperture&quot;:&quot;0&quot;,&quot;credit&quot;:&quot;&quot;,&quot;camera&quot;:&quot;&quot;,&quot;caption&quot;:&quot;&quot;,&quot;created_timestamp&quot;:&quot;0&quot;,&quot;copyright&quot;:&quot;&quot;,&quot;focal_length&quot;:&quot;0&quot;,&quot;iso&quot;:&quot;0&quot;,&quot;shutter_speed&quot;:&quot;0&quot;,&quot;title&quot;:&quot;&quot;,&quot;orientation&quot;:&quot;0&quot;}\" data-image-title=\"Capture d\u2019e\u0301cran, le 2025-04-17 a\u0300 15.40.40\" data-image-description=\"\" data-medium-file=\"https:\/\/i0.wp.com\/itayachtscanada.com\/wp-content\/uploads\/2025\/04\/Capture-decran-le-2025-04-17-a-15.40.40.jpg?fit=300%2C169&#038;ssl=1\" data-large-file=\"https:\/\/i0.wp.com\/itayachtscanada.com\/wp-content\/uploads\/2025\/04\/Capture-decran-le-2025-04-17-a-15.40.40.jpg?fit=700%2C393&#038;ssl=1\" src=\"https:\/\/i0.wp.com\/itayachtscanada.com\/wp-content\/uploads\/2025\/04\/Capture-decran-le-2025-04-17-a-15.40.40.jpg?w=346&#038;h=194&#038;ssl=1\" srcset=\"https:\/\/i0.wp.com\/itayachtscanada.com\/wp-content\/uploads\/2025\/04\/Capture-decran-le-2025-04-17-a-15.40.40.jpg?w=1734&amp;ssl=1 1734w, https:\/\/i0.wp.com\/itayachtscanada.com\/wp-content\/uploads\/2025\/04\/Capture-decran-le-2025-04-17-a-15.40.40.jpg?resize=300%2C169&amp;ssl=1 300w, https:\/\/i0.wp.com\/itayachtscanada.com\/wp-content\/uploads\/2025\/04\/Capture-decran-le-2025-04-17-a-15.40.40.jpg?resize=1024%2C575&amp;ssl=1 1024w, https:\/\/i0.wp.com\/itayachtscanada.com\/wp-content\/uploads\/2025\/04\/Capture-decran-le-2025-04-17-a-15.40.40.jpg?resize=768%2C431&amp;ssl=1 768w, https:\/\/i0.wp.com\/itayachtscanada.com\/wp-content\/uploads\/2025\/04\/Capture-decran-le-2025-04-17-a-15.40.40.jpg?resize=1536%2C863&amp;ssl=1 1536w, https:\/\/i0.wp.com\/itayachtscanada.com\/wp-content\/uploads\/2025\/04\/Capture-decran-le-2025-04-17-a-15.40.40.jpg?resize=700%2C393&amp;ssl=1 700w, https:\/\/i0.wp.com\/itayachtscanada.com\/wp-content\/uploads\/2025\/04\/Capture-decran-le-2025-04-17-a-15.40.40.jpg?resize=712%2C400&amp;ssl=1 712w, https:\/\/i0.wp.com\/itayachtscanada.com\/wp-content\/uploads\/2025\/04\/Capture-decran-le-2025-04-17-a-15.40.40.jpg?w=1400&amp;ssl=1 1400w\" width=\"346\" height=\"194\" loading=\"lazy\" data-original-width=\"346\" data-original-height=\"194\" itemprop=\"http:\/\/schema.org\/image\" title=\"Capture d\u2019e\u0301cran, le 2025-04-17 a\u0300 15.40.40\" alt=\"Capture d\u2019e\u0301cran, le 2025-04-17 a\u0300 15.40.40\" style=\"width: 346px; height: 194px;\" \/> <\/a> <\/div> <\/div> <!-- close group --> <div class=\"gallery-group images-1\" style=\"width: 350px; height: 198px;\" data-original-width=\"350\" data-original-height=\"198\" > <div class=\"tiled-gallery-item tiled-gallery-item-large\" itemprop=\"associatedMedia\" itemscope itemtype=\"http:\/\/schema.org\/ImageObject\"> <a href=\"https:\/\/itayachtscanada.com\/fr\/listing\/azimut-grande-27-metri-2021-5644000-usd-for-sale\/capture-decran-le-2025-04-17-a-15-40-37\/\" border=\"0\" itemprop=\"url\"> <meta itemprop=\"width\" content=\"346\"> <meta itemprop=\"height\" content=\"194\"> <img decoding=\"async\" class=\"\" data-attachment-id=\"218696\" data-orig-file=\"https:\/\/itayachtscanada.com\/wp-content\/uploads\/2025\/04\/Capture-decran-le-2025-04-17-a-15.40.37.jpg\" data-orig-size=\"1734,974\" data-comments-opened=\"1\" data-image-meta=\"{&quot;aperture&quot;:&quot;0&quot;,&quot;credit&quot;:&quot;&quot;,&quot;camera&quot;:&quot;&quot;,&quot;caption&quot;:&quot;&quot;,&quot;created_timestamp&quot;:&quot;0&quot;,&quot;copyright&quot;:&quot;&quot;,&quot;focal_length&quot;:&quot;0&quot;,&quot;iso&quot;:&quot;0&quot;,&quot;shutter_speed&quot;:&quot;0&quot;,&quot;title&quot;:&quot;&quot;,&quot;orientation&quot;:&quot;0&quot;}\" data-image-title=\"Capture d\u2019e\u0301cran, le 2025-04-17 a\u0300 15.40.37\" data-image-description=\"\" data-medium-file=\"https:\/\/i0.wp.com\/itayachtscanada.com\/wp-content\/uploads\/2025\/04\/Capture-decran-le-2025-04-17-a-15.40.37.jpg?fit=300%2C169&#038;ssl=1\" data-large-file=\"https:\/\/i0.wp.com\/itayachtscanada.com\/wp-content\/uploads\/2025\/04\/Capture-decran-le-2025-04-17-a-15.40.37.jpg?fit=700%2C393&#038;ssl=1\" src=\"https:\/\/i0.wp.com\/itayachtscanada.com\/wp-content\/uploads\/2025\/04\/Capture-decran-le-2025-04-17-a-15.40.37.jpg?w=346&#038;h=194&#038;ssl=1\" srcset=\"https:\/\/i0.wp.com\/itayachtscanada.com\/wp-content\/uploads\/2025\/04\/Capture-decran-le-2025-04-17-a-15.40.37.jpg?w=1734&amp;ssl=1 1734w, https:\/\/i0.wp.com\/itayachtscanada.com\/wp-content\/uploads\/2025\/04\/Capture-decran-le-2025-04-17-a-15.40.37.jpg?resize=300%2C169&amp;ssl=1 300w, https:\/\/i0.wp.com\/itayachtscanada.com\/wp-content\/uploads\/2025\/04\/Capture-decran-le-2025-04-17-a-15.40.37.jpg?resize=1024%2C575&amp;ssl=1 1024w, https:\/\/i0.wp.com\/itayachtscanada.com\/wp-content\/uploads\/2025\/04\/Capture-decran-le-2025-04-17-a-15.40.37.jpg?resize=768%2C431&amp;ssl=1 768w, https:\/\/i0.wp.com\/itayachtscanada.com\/wp-content\/uploads\/2025\/04\/Capture-decran-le-2025-04-17-a-15.40.37.jpg?resize=1536%2C863&amp;ssl=1 1536w, https:\/\/i0.wp.com\/itayachtscanada.com\/wp-content\/uploads\/2025\/04\/Capture-decran-le-2025-04-17-a-15.40.37.jpg?resize=700%2C393&amp;ssl=1 700w, https:\/\/i0.wp.com\/itayachtscanada.com\/wp-content\/uploads\/2025\/04\/Capture-decran-le-2025-04-17-a-15.40.37.jpg?resize=712%2C400&amp;ssl=1 712w, https:\/\/i0.wp.com\/itayachtscanada.com\/wp-content\/uploads\/2025\/04\/Capture-decran-le-2025-04-17-a-15.40.37.jpg?w=1400&amp;ssl=1 1400w\" width=\"346\" height=\"194\" loading=\"lazy\" data-original-width=\"346\" data-original-height=\"194\" itemprop=\"http:\/\/schema.org\/image\" title=\"Capture d\u2019e\u0301cran, le 2025-04-17 a\u0300 15.40.37\" alt=\"Capture d\u2019e\u0301cran, le 2025-04-17 a\u0300 15.40.37\" style=\"width: 346px; height: 194px;\" \/> <\/a> <\/div> <\/div> <!-- close group --> <\/div> <!-- close row --> <div class=\"gallery-row\" style=\"width: 700px; height: 198px;\" data-original-width=\"700\" data-original-height=\"198\" > <div class=\"gallery-group images-1\" style=\"width: 350px; height: 198px;\" data-original-width=\"350\" data-original-height=\"198\" > <div class=\"tiled-gallery-item tiled-gallery-item-large\" itemprop=\"associatedMedia\" itemscope itemtype=\"http:\/\/schema.org\/ImageObject\"> <a href=\"https:\/\/itayachtscanada.com\/fr\/listing\/azimut-grande-27-metri-2021-5644000-usd-for-sale\/capture-decran-le-2025-04-17-a-15-39-35\/\" border=\"0\" itemprop=\"url\"> <meta itemprop=\"width\" content=\"346\"> <meta itemprop=\"height\" content=\"194\"> <img decoding=\"async\" class=\"\" data-attachment-id=\"218714\" data-orig-file=\"https:\/\/itayachtscanada.com\/wp-content\/uploads\/2025\/04\/Capture-decran-le-2025-04-17-a-15.39.35.jpg\" data-orig-size=\"1734,974\" data-comments-opened=\"1\" data-image-meta=\"{&quot;aperture&quot;:&quot;0&quot;,&quot;credit&quot;:&quot;&quot;,&quot;camera&quot;:&quot;&quot;,&quot;caption&quot;:&quot;&quot;,&quot;created_timestamp&quot;:&quot;0&quot;,&quot;copyright&quot;:&quot;&quot;,&quot;focal_length&quot;:&quot;0&quot;,&quot;iso&quot;:&quot;0&quot;,&quot;shutter_speed&quot;:&quot;0&quot;,&quot;title&quot;:&quot;&quot;,&quot;orientation&quot;:&quot;0&quot;}\" data-image-title=\"Capture d\u2019e\u0301cran, le 2025-04-17 a\u0300 15.39.35\" data-image-description=\"\" data-medium-file=\"https:\/\/i0.wp.com\/itayachtscanada.com\/wp-content\/uploads\/2025\/04\/Capture-decran-le-2025-04-17-a-15.39.35.jpg?fit=300%2C169&#038;ssl=1\" data-large-file=\"https:\/\/i0.wp.com\/itayachtscanada.com\/wp-content\/uploads\/2025\/04\/Capture-decran-le-2025-04-17-a-15.39.35.jpg?fit=700%2C393&#038;ssl=1\" src=\"https:\/\/i0.wp.com\/itayachtscanada.com\/wp-content\/uploads\/2025\/04\/Capture-decran-le-2025-04-17-a-15.39.35.jpg?w=346&#038;h=194&#038;ssl=1\" srcset=\"https:\/\/i0.wp.com\/itayachtscanada.com\/wp-content\/uploads\/2025\/04\/Capture-decran-le-2025-04-17-a-15.39.35.jpg?w=1734&amp;ssl=1 1734w, https:\/\/i0.wp.com\/itayachtscanada.com\/wp-content\/uploads\/2025\/04\/Capture-decran-le-2025-04-17-a-15.39.35.jpg?resize=300%2C169&amp;ssl=1 300w, https:\/\/i0.wp.com\/itayachtscanada.com\/wp-content\/uploads\/2025\/04\/Capture-decran-le-2025-04-17-a-15.39.35.jpg?resize=1024%2C575&amp;ssl=1 1024w, https:\/\/i0.wp.com\/itayachtscanada.com\/wp-content\/uploads\/2025\/04\/Capture-decran-le-2025-04-17-a-15.39.35.jpg?resize=768%2C431&amp;ssl=1 768w, https:\/\/i0.wp.com\/itayachtscanada.com\/wp-content\/uploads\/2025\/04\/Capture-decran-le-2025-04-17-a-15.39.35.jpg?resize=1536%2C863&amp;ssl=1 1536w, https:\/\/i0.wp.com\/itayachtscanada.com\/wp-content\/uploads\/2025\/04\/Capture-decran-le-2025-04-17-a-15.39.35.jpg?resize=700%2C393&amp;ssl=1 700w, https:\/\/i0.wp.com\/itayachtscanada.com\/wp-content\/uploads\/2025\/04\/Capture-decran-le-2025-04-17-a-15.39.35.jpg?resize=712%2C400&amp;ssl=1 712w, https:\/\/i0.wp.com\/itayachtscanada.com\/wp-content\/uploads\/2025\/04\/Capture-decran-le-2025-04-17-a-15.39.35.jpg?w=1400&amp;ssl=1 1400w\" width=\"346\" height=\"194\" loading=\"lazy\" data-original-width=\"346\" data-original-height=\"194\" itemprop=\"http:\/\/schema.org\/image\" title=\"Capture d\u2019e\u0301cran, le 2025-04-17 a\u0300 15.39.35\" alt=\"Capture d\u2019e\u0301cran, le 2025-04-17 a\u0300 15.39.35\" style=\"width: 346px; height: 194px;\" \/> <\/a> <\/div> <\/div> <!-- close group --> <div class=\"gallery-group images-1\" style=\"width: 350px; height: 198px;\" data-original-width=\"350\" data-original-height=\"198\" > <div class=\"tiled-gallery-item tiled-gallery-item-large\" itemprop=\"associatedMedia\" itemscope itemtype=\"http:\/\/schema.org\/ImageObject\"> <a href=\"https:\/\/itayachtscanada.com\/fr\/listing\/azimut-grande-27-metri-2021-5644000-usd-for-sale\/capture-decran-le-2025-04-17-a-15-39-32\/\" border=\"0\" itemprop=\"url\"> <meta itemprop=\"width\" content=\"346\"> <meta itemprop=\"height\" content=\"194\"> <img decoding=\"async\" class=\"\" data-attachment-id=\"218715\" data-orig-file=\"https:\/\/itayachtscanada.com\/wp-content\/uploads\/2025\/04\/Capture-decran-le-2025-04-17-a-15.39.32.jpg\" data-orig-size=\"1734,974\" data-comments-opened=\"1\" data-image-meta=\"{&quot;aperture&quot;:&quot;0&quot;,&quot;credit&quot;:&quot;&quot;,&quot;camera&quot;:&quot;&quot;,&quot;caption&quot;:&quot;&quot;,&quot;created_timestamp&quot;:&quot;0&quot;,&quot;copyright&quot;:&quot;&quot;,&quot;focal_length&quot;:&quot;0&quot;,&quot;iso&quot;:&quot;0&quot;,&quot;shutter_speed&quot;:&quot;0&quot;,&quot;title&quot;:&quot;&quot;,&quot;orientation&quot;:&quot;0&quot;}\" data-image-title=\"Capture d\u2019e\u0301cran, le 2025-04-17 a\u0300 15.39.32\" data-image-description=\"\" data-medium-file=\"https:\/\/i0.wp.com\/itayachtscanada.com\/wp-content\/uploads\/2025\/04\/Capture-decran-le-2025-04-17-a-15.39.32.jpg?fit=300%2C169&#038;ssl=1\" data-large-file=\"https:\/\/i0.wp.com\/itayachtscanada.com\/wp-content\/uploads\/2025\/04\/Capture-decran-le-2025-04-17-a-15.39.32.jpg?fit=700%2C393&#038;ssl=1\" src=\"https:\/\/i0.wp.com\/itayachtscanada.com\/wp-content\/uploads\/2025\/04\/Capture-decran-le-2025-04-17-a-15.39.32.jpg?w=346&#038;h=194&#038;ssl=1\" srcset=\"https:\/\/i0.wp.com\/itayachtscanada.com\/wp-content\/uploads\/2025\/04\/Capture-decran-le-2025-04-17-a-15.39.32.jpg?w=1734&amp;ssl=1 1734w, https:\/\/i0.wp.com\/itayachtscanada.com\/wp-content\/uploads\/2025\/04\/Capture-decran-le-2025-04-17-a-15.39.32.jpg?resize=300%2C169&amp;ssl=1 300w, https:\/\/i0.wp.com\/itayachtscanada.com\/wp-content\/uploads\/2025\/04\/Capture-decran-le-2025-04-17-a-15.39.32.jpg?resize=1024%2C575&amp;ssl=1 1024w, https:\/\/i0.wp.com\/itayachtscanada.com\/wp-content\/uploads\/2025\/04\/Capture-decran-le-2025-04-17-a-15.39.32.jpg?resize=768%2C431&amp;ssl=1 768w, https:\/\/i0.wp.com\/itayachtscanada.com\/wp-content\/uploads\/2025\/04\/Capture-decran-le-2025-04-17-a-15.39.32.jpg?resize=1536%2C863&amp;ssl=1 1536w, https:\/\/i0.wp.com\/itayachtscanada.com\/wp-content\/uploads\/2025\/04\/Capture-decran-le-2025-04-17-a-15.39.32.jpg?resize=700%2C393&amp;ssl=1 700w, https:\/\/i0.wp.com\/itayachtscanada.com\/wp-content\/uploads\/2025\/04\/Capture-decran-le-2025-04-17-a-15.39.32.jpg?resize=712%2C400&amp;ssl=1 712w, https:\/\/i0.wp.com\/itayachtscanada.com\/wp-content\/uploads\/2025\/04\/Capture-decran-le-2025-04-17-a-15.39.32.jpg?w=1400&amp;ssl=1 1400w\" width=\"346\" height=\"194\" loading=\"lazy\" data-original-width=\"346\" data-original-height=\"194\" itemprop=\"http:\/\/schema.org\/image\" title=\"Capture d\u2019e\u0301cran, le 2025-04-17 a\u0300 15.39.32\" alt=\"Capture d\u2019e\u0301cran, le 2025-04-17 a\u0300 15.39.32\" style=\"width: 346px; height: 194px;\" \/> <\/a> <\/div> <\/div> <!-- close group --> <\/div> <!-- close row --> <div class=\"gallery-row\" style=\"width: 700px; height: 198px;\" data-original-width=\"700\" data-original-height=\"198\" > <div class=\"gallery-group images-1\" style=\"width: 350px; height: 198px;\" data-original-width=\"350\" data-original-height=\"198\" > <div class=\"tiled-gallery-item tiled-gallery-item-large\" itemprop=\"associatedMedia\" itemscope itemtype=\"http:\/\/schema.org\/ImageObject\"> <a href=\"https:\/\/itayachtscanada.com\/fr\/listing\/azimut-grande-27-metri-2021-5644000-usd-for-sale\/capture-decran-le-2025-04-17-a-15-39-16\/\" border=\"0\" itemprop=\"url\"> <meta itemprop=\"width\" content=\"346\"> <meta itemprop=\"height\" content=\"194\"> <img decoding=\"async\" class=\"\" data-attachment-id=\"218720\" data-orig-file=\"https:\/\/itayachtscanada.com\/wp-content\/uploads\/2025\/04\/Capture-decran-le-2025-04-17-a-15.39.16.jpg\" data-orig-size=\"1734,974\" data-comments-opened=\"1\" data-image-meta=\"{&quot;aperture&quot;:&quot;0&quot;,&quot;credit&quot;:&quot;&quot;,&quot;camera&quot;:&quot;&quot;,&quot;caption&quot;:&quot;&quot;,&quot;created_timestamp&quot;:&quot;0&quot;,&quot;copyright&quot;:&quot;&quot;,&quot;focal_length&quot;:&quot;0&quot;,&quot;iso&quot;:&quot;0&quot;,&quot;shutter_speed&quot;:&quot;0&quot;,&quot;title&quot;:&quot;&quot;,&quot;orientation&quot;:&quot;0&quot;}\" data-image-title=\"Capture d\u2019e\u0301cran, le 2025-04-17 a\u0300 15.39.16\" data-image-description=\"\" data-medium-file=\"https:\/\/i0.wp.com\/itayachtscanada.com\/wp-content\/uploads\/2025\/04\/Capture-decran-le-2025-04-17-a-15.39.16.jpg?fit=300%2C169&#038;ssl=1\" data-large-file=\"https:\/\/i0.wp.com\/itayachtscanada.com\/wp-content\/uploads\/2025\/04\/Capture-decran-le-2025-04-17-a-15.39.16.jpg?fit=700%2C393&#038;ssl=1\" src=\"https:\/\/i0.wp.com\/itayachtscanada.com\/wp-content\/uploads\/2025\/04\/Capture-decran-le-2025-04-17-a-15.39.16.jpg?w=346&#038;h=194&#038;ssl=1\" srcset=\"https:\/\/i0.wp.com\/itayachtscanada.com\/wp-content\/uploads\/2025\/04\/Capture-decran-le-2025-04-17-a-15.39.16.jpg?w=1734&amp;ssl=1 1734w, https:\/\/i0.wp.com\/itayachtscanada.com\/wp-content\/uploads\/2025\/04\/Capture-decran-le-2025-04-17-a-15.39.16.jpg?resize=300%2C169&amp;ssl=1 300w, https:\/\/i0.wp.com\/itayachtscanada.com\/wp-content\/uploads\/2025\/04\/Capture-decran-le-2025-04-17-a-15.39.16.jpg?resize=1024%2C575&amp;ssl=1 1024w, https:\/\/i0.wp.com\/itayachtscanada.com\/wp-content\/uploads\/2025\/04\/Capture-decran-le-2025-04-17-a-15.39.16.jpg?resize=768%2C431&amp;ssl=1 768w, https:\/\/i0.wp.com\/itayachtscanada.com\/wp-content\/uploads\/2025\/04\/Capture-decran-le-2025-04-17-a-15.39.16.jpg?resize=1536%2C863&amp;ssl=1 1536w, https:\/\/i0.wp.com\/itayachtscanada.com\/wp-content\/uploads\/2025\/04\/Capture-decran-le-2025-04-17-a-15.39.16.jpg?resize=700%2C393&amp;ssl=1 700w, https:\/\/i0.wp.com\/itayachtscanada.com\/wp-content\/uploads\/2025\/04\/Capture-decran-le-2025-04-17-a-15.39.16.jpg?resize=712%2C400&amp;ssl=1 712w, https:\/\/i0.wp.com\/itayachtscanada.com\/wp-content\/uploads\/2025\/04\/Capture-decran-le-2025-04-17-a-15.39.16.jpg?w=1400&amp;ssl=1 1400w\" width=\"346\" height=\"194\" loading=\"lazy\" data-original-width=\"346\" data-original-height=\"194\" itemprop=\"http:\/\/schema.org\/image\" title=\"Capture d\u2019e\u0301cran, le 2025-04-17 a\u0300 15.39.16\" alt=\"Capture d\u2019e\u0301cran, le 2025-04-17 a\u0300 15.39.16\" style=\"width: 346px; height: 194px;\" \/> <\/a> <\/div> <\/div> <!-- close group --> <div class=\"gallery-group images-1\" style=\"width: 350px; height: 198px;\" data-original-width=\"350\" data-original-height=\"198\" > <div class=\"tiled-gallery-item tiled-gallery-item-large\" itemprop=\"associatedMedia\" itemscope itemtype=\"http:\/\/schema.org\/ImageObject\"> <a href=\"https:\/\/itayachtscanada.com\/fr\/listing\/azimut-grande-27-metri-2021-5644000-usd-for-sale\/capture-decran-le-2025-04-17-a-15-39-29\/\" border=\"0\" itemprop=\"url\"> <meta itemprop=\"width\" content=\"346\"> <meta itemprop=\"height\" content=\"194\"> <img decoding=\"async\" class=\"\" data-attachment-id=\"218716\" data-orig-file=\"https:\/\/itayachtscanada.com\/wp-content\/uploads\/2025\/04\/Capture-decran-le-2025-04-17-a-15.39.29.jpg\" data-orig-size=\"1734,974\" data-comments-opened=\"1\" data-image-meta=\"{&quot;aperture&quot;:&quot;0&quot;,&quot;credit&quot;:&quot;&quot;,&quot;camera&quot;:&quot;&quot;,&quot;caption&quot;:&quot;&quot;,&quot;created_timestamp&quot;:&quot;0&quot;,&quot;copyright&quot;:&quot;&quot;,&quot;focal_length&quot;:&quot;0&quot;,&quot;iso&quot;:&quot;0&quot;,&quot;shutter_speed&quot;:&quot;0&quot;,&quot;title&quot;:&quot;&quot;,&quot;orientation&quot;:&quot;0&quot;}\" data-image-title=\"Capture d\u2019e\u0301cran, le 2025-04-17 a\u0300 15.39.29\" data-image-description=\"\" data-medium-file=\"https:\/\/i0.wp.com\/itayachtscanada.com\/wp-content\/uploads\/2025\/04\/Capture-decran-le-2025-04-17-a-15.39.29.jpg?fit=300%2C169&#038;ssl=1\" data-large-file=\"https:\/\/i0.wp.com\/itayachtscanada.com\/wp-content\/uploads\/2025\/04\/Capture-decran-le-2025-04-17-a-15.39.29.jpg?fit=700%2C393&#038;ssl=1\" src=\"https:\/\/i0.wp.com\/itayachtscanada.com\/wp-content\/uploads\/2025\/04\/Capture-decran-le-2025-04-17-a-15.39.29.jpg?w=346&#038;h=194&#038;ssl=1\" srcset=\"https:\/\/i0.wp.com\/itayachtscanada.com\/wp-content\/uploads\/2025\/04\/Capture-decran-le-2025-04-17-a-15.39.29.jpg?w=1734&amp;ssl=1 1734w, https:\/\/i0.wp.com\/itayachtscanada.com\/wp-content\/uploads\/2025\/04\/Capture-decran-le-2025-04-17-a-15.39.29.jpg?resize=300%2C169&amp;ssl=1 300w, https:\/\/i0.wp.com\/itayachtscanada.com\/wp-content\/uploads\/2025\/04\/Capture-decran-le-2025-04-17-a-15.39.29.jpg?resize=1024%2C575&amp;ssl=1 1024w, https:\/\/i0.wp.com\/itayachtscanada.com\/wp-content\/uploads\/2025\/04\/Capture-decran-le-2025-04-17-a-15.39.29.jpg?resize=768%2C431&amp;ssl=1 768w, https:\/\/i0.wp.com\/itayachtscanada.com\/wp-content\/uploads\/2025\/04\/Capture-decran-le-2025-04-17-a-15.39.29.jpg?resize=1536%2C863&amp;ssl=1 1536w, https:\/\/i0.wp.com\/itayachtscanada.com\/wp-content\/uploads\/2025\/04\/Capture-decran-le-2025-04-17-a-15.39.29.jpg?resize=700%2C393&amp;ssl=1 700w, https:\/\/i0.wp.com\/itayachtscanada.com\/wp-content\/uploads\/2025\/04\/Capture-decran-le-2025-04-17-a-15.39.29.jpg?resize=712%2C400&amp;ssl=1 712w, https:\/\/i0.wp.com\/itayachtscanada.com\/wp-content\/uploads\/2025\/04\/Capture-decran-le-2025-04-17-a-15.39.29.jpg?w=1400&amp;ssl=1 1400w\" width=\"346\" height=\"194\" loading=\"lazy\" data-original-width=\"346\" data-original-height=\"194\" itemprop=\"http:\/\/schema.org\/image\" title=\"Capture d\u2019e\u0301cran, le 2025-04-17 a\u0300 15.39.29\" alt=\"Capture d\u2019e\u0301cran, le 2025-04-17 a\u0300 15.39.29\" style=\"width: 346px; height: 194px;\" \/> <\/a> <\/div> <\/div> <!-- close group --> <\/div> <!-- close row --> <div class=\"gallery-row\" style=\"width: 700px; height: 198px;\" data-original-width=\"700\" data-original-height=\"198\" > <div class=\"gallery-group images-1\" style=\"width: 350px; height: 198px;\" data-original-width=\"350\" data-original-height=\"198\" > <div class=\"tiled-gallery-item tiled-gallery-item-large\" itemprop=\"associatedMedia\" itemscope itemtype=\"http:\/\/schema.org\/ImageObject\"> <a href=\"https:\/\/itayachtscanada.com\/fr\/listing\/azimut-grande-27-metri-2021-5644000-usd-for-sale\/capture-decran-le-2025-04-17-a-15-39-26\/\" border=\"0\" itemprop=\"url\"> <meta itemprop=\"width\" content=\"346\"> <meta itemprop=\"height\" content=\"194\"> <img decoding=\"async\" class=\"\" data-attachment-id=\"218717\" data-orig-file=\"https:\/\/itayachtscanada.com\/wp-content\/uploads\/2025\/04\/Capture-decran-le-2025-04-17-a-15.39.26.jpg\" data-orig-size=\"1734,974\" data-comments-opened=\"1\" data-image-meta=\"{&quot;aperture&quot;:&quot;0&quot;,&quot;credit&quot;:&quot;&quot;,&quot;camera&quot;:&quot;&quot;,&quot;caption&quot;:&quot;&quot;,&quot;created_timestamp&quot;:&quot;0&quot;,&quot;copyright&quot;:&quot;&quot;,&quot;focal_length&quot;:&quot;0&quot;,&quot;iso&quot;:&quot;0&quot;,&quot;shutter_speed&quot;:&quot;0&quot;,&quot;title&quot;:&quot;&quot;,&quot;orientation&quot;:&quot;0&quot;}\" data-image-title=\"Capture d\u2019e\u0301cran, le 2025-04-17 a\u0300 15.39.26\" data-image-description=\"\" data-medium-file=\"https:\/\/i0.wp.com\/itayachtscanada.com\/wp-content\/uploads\/2025\/04\/Capture-decran-le-2025-04-17-a-15.39.26.jpg?fit=300%2C169&#038;ssl=1\" data-large-file=\"https:\/\/i0.wp.com\/itayachtscanada.com\/wp-content\/uploads\/2025\/04\/Capture-decran-le-2025-04-17-a-15.39.26.jpg?fit=700%2C393&#038;ssl=1\" src=\"https:\/\/i0.wp.com\/itayachtscanada.com\/wp-content\/uploads\/2025\/04\/Capture-decran-le-2025-04-17-a-15.39.26.jpg?w=346&#038;h=194&#038;ssl=1\" srcset=\"https:\/\/i0.wp.com\/itayachtscanada.com\/wp-content\/uploads\/2025\/04\/Capture-decran-le-2025-04-17-a-15.39.26.jpg?w=1734&amp;ssl=1 1734w, https:\/\/i0.wp.com\/itayachtscanada.com\/wp-content\/uploads\/2025\/04\/Capture-decran-le-2025-04-17-a-15.39.26.jpg?resize=300%2C169&amp;ssl=1 300w, https:\/\/i0.wp.com\/itayachtscanada.com\/wp-content\/uploads\/2025\/04\/Capture-decran-le-2025-04-17-a-15.39.26.jpg?resize=1024%2C575&amp;ssl=1 1024w, https:\/\/i0.wp.com\/itayachtscanada.com\/wp-content\/uploads\/2025\/04\/Capture-decran-le-2025-04-17-a-15.39.26.jpg?resize=768%2C431&amp;ssl=1 768w, https:\/\/i0.wp.com\/itayachtscanada.com\/wp-content\/uploads\/2025\/04\/Capture-decran-le-2025-04-17-a-15.39.26.jpg?resize=1536%2C863&amp;ssl=1 1536w, https:\/\/i0.wp.com\/itayachtscanada.com\/wp-content\/uploads\/2025\/04\/Capture-decran-le-2025-04-17-a-15.39.26.jpg?resize=700%2C393&amp;ssl=1 700w, https:\/\/i0.wp.com\/itayachtscanada.com\/wp-content\/uploads\/2025\/04\/Capture-decran-le-2025-04-17-a-15.39.26.jpg?resize=712%2C400&amp;ssl=1 712w, https:\/\/i0.wp.com\/itayachtscanada.com\/wp-content\/uploads\/2025\/04\/Capture-decran-le-2025-04-17-a-15.39.26.jpg?w=1400&amp;ssl=1 1400w\" width=\"346\" height=\"194\" loading=\"lazy\" data-original-width=\"346\" data-original-height=\"194\" itemprop=\"http:\/\/schema.org\/image\" title=\"Capture d\u2019e\u0301cran, le 2025-04-17 a\u0300 15.39.26\" alt=\"Capture d\u2019e\u0301cran, le 2025-04-17 a\u0300 15.39.26\" style=\"width: 346px; height: 194px;\" \/> <\/a> <\/div> <\/div> <!-- close group --> <div class=\"gallery-group images-1\" style=\"width: 350px; height: 198px;\" data-original-width=\"350\" data-original-height=\"198\" > <div class=\"tiled-gallery-item tiled-gallery-item-large\" itemprop=\"associatedMedia\" itemscope itemtype=\"http:\/\/schema.org\/ImageObject\"> <a href=\"https:\/\/itayachtscanada.com\/fr\/listing\/azimut-grande-27-metri-2021-5644000-usd-for-sale\/capture-decran-le-2025-04-17-a-15-39-23\/\" border=\"0\" itemprop=\"url\"> <meta itemprop=\"width\" content=\"346\"> <meta itemprop=\"height\" content=\"194\"> <img decoding=\"async\" class=\"\" data-attachment-id=\"218718\" data-orig-file=\"https:\/\/itayachtscanada.com\/wp-content\/uploads\/2025\/04\/Capture-decran-le-2025-04-17-a-15.39.23.jpg\" data-orig-size=\"1734,974\" data-comments-opened=\"1\" data-image-meta=\"{&quot;aperture&quot;:&quot;0&quot;,&quot;credit&quot;:&quot;&quot;,&quot;camera&quot;:&quot;&quot;,&quot;caption&quot;:&quot;&quot;,&quot;created_timestamp&quot;:&quot;0&quot;,&quot;copyright&quot;:&quot;&quot;,&quot;focal_length&quot;:&quot;0&quot;,&quot;iso&quot;:&quot;0&quot;,&quot;shutter_speed&quot;:&quot;0&quot;,&quot;title&quot;:&quot;&quot;,&quot;orientation&quot;:&quot;0&quot;}\" data-image-title=\"Capture d\u2019e\u0301cran, le 2025-04-17 a\u0300 15.39.23\" data-image-description=\"\" data-medium-file=\"https:\/\/i0.wp.com\/itayachtscanada.com\/wp-content\/uploads\/2025\/04\/Capture-decran-le-2025-04-17-a-15.39.23.jpg?fit=300%2C169&#038;ssl=1\" data-large-file=\"https:\/\/i0.wp.com\/itayachtscanada.com\/wp-content\/uploads\/2025\/04\/Capture-decran-le-2025-04-17-a-15.39.23.jpg?fit=700%2C393&#038;ssl=1\" src=\"https:\/\/i0.wp.com\/itayachtscanada.com\/wp-content\/uploads\/2025\/04\/Capture-decran-le-2025-04-17-a-15.39.23.jpg?w=346&#038;h=194&#038;ssl=1\" srcset=\"https:\/\/i0.wp.com\/itayachtscanada.com\/wp-content\/uploads\/2025\/04\/Capture-decran-le-2025-04-17-a-15.39.23.jpg?w=1734&amp;ssl=1 1734w, https:\/\/i0.wp.com\/itayachtscanada.com\/wp-content\/uploads\/2025\/04\/Capture-decran-le-2025-04-17-a-15.39.23.jpg?resize=300%2C169&amp;ssl=1 300w, https:\/\/i0.wp.com\/itayachtscanada.com\/wp-content\/uploads\/2025\/04\/Capture-decran-le-2025-04-17-a-15.39.23.jpg?resize=1024%2C575&amp;ssl=1 1024w, https:\/\/i0.wp.com\/itayachtscanada.com\/wp-content\/uploads\/2025\/04\/Capture-decran-le-2025-04-17-a-15.39.23.jpg?resize=768%2C431&amp;ssl=1 768w, https:\/\/i0.wp.com\/itayachtscanada.com\/wp-content\/uploads\/2025\/04\/Capture-decran-le-2025-04-17-a-15.39.23.jpg?resize=1536%2C863&amp;ssl=1 1536w, https:\/\/i0.wp.com\/itayachtscanada.com\/wp-content\/uploads\/2025\/04\/Capture-decran-le-2025-04-17-a-15.39.23.jpg?resize=700%2C393&amp;ssl=1 700w, https:\/\/i0.wp.com\/itayachtscanada.com\/wp-content\/uploads\/2025\/04\/Capture-decran-le-2025-04-17-a-15.39.23.jpg?resize=712%2C400&amp;ssl=1 712w, https:\/\/i0.wp.com\/itayachtscanada.com\/wp-content\/uploads\/2025\/04\/Capture-decran-le-2025-04-17-a-15.39.23.jpg?w=1400&amp;ssl=1 1400w\" width=\"346\" height=\"194\" loading=\"lazy\" data-original-width=\"346\" data-original-height=\"194\" itemprop=\"http:\/\/schema.org\/image\" title=\"Capture d\u2019e\u0301cran, le 2025-04-17 a\u0300 15.39.23\" alt=\"Capture d\u2019e\u0301cran, le 2025-04-17 a\u0300 15.39.23\" style=\"width: 346px; height: 194px;\" \/> <\/a> <\/div> <\/div> <!-- close group --> <\/div> <!-- close row --> <div class=\"gallery-row\" style=\"width: 700px; height: 198px;\" data-original-width=\"700\" data-original-height=\"198\" > <div class=\"gallery-group images-1\" style=\"width: 350px; height: 198px;\" data-original-width=\"350\" data-original-height=\"198\" > <div class=\"tiled-gallery-item tiled-gallery-item-large\" itemprop=\"associatedMedia\" itemscope itemtype=\"http:\/\/schema.org\/ImageObject\"> <a href=\"https:\/\/itayachtscanada.com\/fr\/listing\/azimut-grande-27-metri-2021-5644000-usd-for-sale\/capture-decran-le-2025-04-17-a-15-39-10\/\" border=\"0\" itemprop=\"url\"> <meta itemprop=\"width\" content=\"346\"> <meta itemprop=\"height\" content=\"194\"> <img decoding=\"async\" class=\"\" data-attachment-id=\"218722\" data-orig-file=\"https:\/\/itayachtscanada.com\/wp-content\/uploads\/2025\/04\/Capture-decran-le-2025-04-17-a-15.39.10.jpg\" data-orig-size=\"1734,974\" data-comments-opened=\"1\" data-image-meta=\"{&quot;aperture&quot;:&quot;0&quot;,&quot;credit&quot;:&quot;&quot;,&quot;camera&quot;:&quot;&quot;,&quot;caption&quot;:&quot;&quot;,&quot;created_timestamp&quot;:&quot;0&quot;,&quot;copyright&quot;:&quot;&quot;,&quot;focal_length&quot;:&quot;0&quot;,&quot;iso&quot;:&quot;0&quot;,&quot;shutter_speed&quot;:&quot;0&quot;,&quot;title&quot;:&quot;&quot;,&quot;orientation&quot;:&quot;0&quot;}\" data-image-title=\"Capture d\u2019e\u0301cran, le 2025-04-17 a\u0300 15.39.10\" data-image-description=\"\" data-medium-file=\"https:\/\/i0.wp.com\/itayachtscanada.com\/wp-content\/uploads\/2025\/04\/Capture-decran-le-2025-04-17-a-15.39.10.jpg?fit=300%2C169&#038;ssl=1\" data-large-file=\"https:\/\/i0.wp.com\/itayachtscanada.com\/wp-content\/uploads\/2025\/04\/Capture-decran-le-2025-04-17-a-15.39.10.jpg?fit=700%2C393&#038;ssl=1\" src=\"https:\/\/i0.wp.com\/itayachtscanada.com\/wp-content\/uploads\/2025\/04\/Capture-decran-le-2025-04-17-a-15.39.10.jpg?w=346&#038;h=194&#038;ssl=1\" srcset=\"https:\/\/i0.wp.com\/itayachtscanada.com\/wp-content\/uploads\/2025\/04\/Capture-decran-le-2025-04-17-a-15.39.10.jpg?w=1734&amp;ssl=1 1734w, https:\/\/i0.wp.com\/itayachtscanada.com\/wp-content\/uploads\/2025\/04\/Capture-decran-le-2025-04-17-a-15.39.10.jpg?resize=300%2C169&amp;ssl=1 300w, https:\/\/i0.wp.com\/itayachtscanada.com\/wp-content\/uploads\/2025\/04\/Capture-decran-le-2025-04-17-a-15.39.10.jpg?resize=1024%2C575&amp;ssl=1 1024w, https:\/\/i0.wp.com\/itayachtscanada.com\/wp-content\/uploads\/2025\/04\/Capture-decran-le-2025-04-17-a-15.39.10.jpg?resize=768%2C431&amp;ssl=1 768w, https:\/\/i0.wp.com\/itayachtscanada.com\/wp-content\/uploads\/2025\/04\/Capture-decran-le-2025-04-17-a-15.39.10.jpg?resize=1536%2C863&amp;ssl=1 1536w, https:\/\/i0.wp.com\/itayachtscanada.com\/wp-content\/uploads\/2025\/04\/Capture-decran-le-2025-04-17-a-15.39.10.jpg?resize=700%2C393&amp;ssl=1 700w, https:\/\/i0.wp.com\/itayachtscanada.com\/wp-content\/uploads\/2025\/04\/Capture-decran-le-2025-04-17-a-15.39.10.jpg?resize=712%2C400&amp;ssl=1 712w, https:\/\/i0.wp.com\/itayachtscanada.com\/wp-content\/uploads\/2025\/04\/Capture-decran-le-2025-04-17-a-15.39.10.jpg?w=1400&amp;ssl=1 1400w\" width=\"346\" height=\"194\" loading=\"lazy\" data-original-width=\"346\" data-original-height=\"194\" itemprop=\"http:\/\/schema.org\/image\" title=\"Capture d\u2019e\u0301cran, le 2025-04-17 a\u0300 15.39.10\" alt=\"Capture d\u2019e\u0301cran, le 2025-04-17 a\u0300 15.39.10\" style=\"width: 346px; height: 194px;\" \/> <\/a> <\/div> <\/div> <!-- close group --> <div class=\"gallery-group images-1\" style=\"width: 350px; height: 198px;\" data-original-width=\"350\" data-original-height=\"198\" > <div class=\"tiled-gallery-item tiled-gallery-item-large\" itemprop=\"associatedMedia\" itemscope itemtype=\"http:\/\/schema.org\/ImageObject\"> <a href=\"https:\/\/itayachtscanada.com\/fr\/listing\/azimut-grande-27-metri-2021-5644000-usd-for-sale\/capture-decran-le-2025-04-17-a-15-39-20\/\" border=\"0\" itemprop=\"url\"> <meta itemprop=\"width\" content=\"346\"> <meta itemprop=\"height\" content=\"194\"> <img decoding=\"async\" class=\"\" data-attachment-id=\"218719\" data-orig-file=\"https:\/\/itayachtscanada.com\/wp-content\/uploads\/2025\/04\/Capture-decran-le-2025-04-17-a-15.39.20.jpg\" data-orig-size=\"1734,974\" data-comments-opened=\"1\" data-image-meta=\"{&quot;aperture&quot;:&quot;0&quot;,&quot;credit&quot;:&quot;&quot;,&quot;camera&quot;:&quot;&quot;,&quot;caption&quot;:&quot;&quot;,&quot;created_timestamp&quot;:&quot;0&quot;,&quot;copyright&quot;:&quot;&quot;,&quot;focal_length&quot;:&quot;0&quot;,&quot;iso&quot;:&quot;0&quot;,&quot;shutter_speed&quot;:&quot;0&quot;,&quot;title&quot;:&quot;&quot;,&quot;orientation&quot;:&quot;0&quot;}\" data-image-title=\"Capture d\u2019e\u0301cran, le 2025-04-17 a\u0300 15.39.20\" data-image-description=\"\" data-medium-file=\"https:\/\/i0.wp.com\/itayachtscanada.com\/wp-content\/uploads\/2025\/04\/Capture-decran-le-2025-04-17-a-15.39.20.jpg?fit=300%2C169&#038;ssl=1\" data-large-file=\"https:\/\/i0.wp.com\/itayachtscanada.com\/wp-content\/uploads\/2025\/04\/Capture-decran-le-2025-04-17-a-15.39.20.jpg?fit=700%2C393&#038;ssl=1\" src=\"https:\/\/i0.wp.com\/itayachtscanada.com\/wp-content\/uploads\/2025\/04\/Capture-decran-le-2025-04-17-a-15.39.20.jpg?w=346&#038;h=194&#038;ssl=1\" srcset=\"https:\/\/i0.wp.com\/itayachtscanada.com\/wp-content\/uploads\/2025\/04\/Capture-decran-le-2025-04-17-a-15.39.20.jpg?w=1734&amp;ssl=1 1734w, https:\/\/i0.wp.com\/itayachtscanada.com\/wp-content\/uploads\/2025\/04\/Capture-decran-le-2025-04-17-a-15.39.20.jpg?resize=300%2C169&amp;ssl=1 300w, https:\/\/i0.wp.com\/itayachtscanada.com\/wp-content\/uploads\/2025\/04\/Capture-decran-le-2025-04-17-a-15.39.20.jpg?resize=1024%2C575&amp;ssl=1 1024w, https:\/\/i0.wp.com\/itayachtscanada.com\/wp-content\/uploads\/2025\/04\/Capture-decran-le-2025-04-17-a-15.39.20.jpg?resize=768%2C431&amp;ssl=1 768w, https:\/\/i0.wp.com\/itayachtscanada.com\/wp-content\/uploads\/2025\/04\/Capture-decran-le-2025-04-17-a-15.39.20.jpg?resize=1536%2C863&amp;ssl=1 1536w, https:\/\/i0.wp.com\/itayachtscanada.com\/wp-content\/uploads\/2025\/04\/Capture-decran-le-2025-04-17-a-15.39.20.jpg?resize=700%2C393&amp;ssl=1 700w, https:\/\/i0.wp.com\/itayachtscanada.com\/wp-content\/uploads\/2025\/04\/Capture-decran-le-2025-04-17-a-15.39.20.jpg?resize=712%2C400&amp;ssl=1 712w, https:\/\/i0.wp.com\/itayachtscanada.com\/wp-content\/uploads\/2025\/04\/Capture-decran-le-2025-04-17-a-15.39.20.jpg?w=1400&amp;ssl=1 1400w\" width=\"346\" height=\"194\" loading=\"lazy\" data-original-width=\"346\" data-original-height=\"194\" itemprop=\"http:\/\/schema.org\/image\" title=\"Capture d\u2019e\u0301cran, le 2025-04-17 a\u0300 15.39.20\" alt=\"Capture d\u2019e\u0301cran, le 2025-04-17 a\u0300 15.39.20\" style=\"width: 346px; height: 194px;\" \/> <\/a> <\/div> <\/div> <!-- close group --> <\/div> <!-- close row --> <div class=\"gallery-row\" style=\"width: 700px; height: 198px;\" data-original-width=\"700\" data-original-height=\"198\" > <div class=\"gallery-group images-1\" style=\"width: 350px; height: 198px;\" data-original-width=\"350\" data-original-height=\"198\" > <div class=\"tiled-gallery-item tiled-gallery-item-large\" itemprop=\"associatedMedia\" itemscope itemtype=\"http:\/\/schema.org\/ImageObject\"> <a href=\"https:\/\/itayachtscanada.com\/fr\/listing\/azimut-grande-27-metri-2021-5644000-usd-for-sale\/capture-decran-le-2025-04-17-a-15-39-13\/\" border=\"0\" itemprop=\"url\"> <meta itemprop=\"width\" content=\"346\"> <meta itemprop=\"height\" content=\"194\"> <img decoding=\"async\" class=\"\" data-attachment-id=\"218721\" data-orig-file=\"https:\/\/itayachtscanada.com\/wp-content\/uploads\/2025\/04\/Capture-decran-le-2025-04-17-a-15.39.13.jpg\" data-orig-size=\"1734,974\" data-comments-opened=\"1\" data-image-meta=\"{&quot;aperture&quot;:&quot;0&quot;,&quot;credit&quot;:&quot;&quot;,&quot;camera&quot;:&quot;&quot;,&quot;caption&quot;:&quot;&quot;,&quot;created_timestamp&quot;:&quot;0&quot;,&quot;copyright&quot;:&quot;&quot;,&quot;focal_length&quot;:&quot;0&quot;,&quot;iso&quot;:&quot;0&quot;,&quot;shutter_speed&quot;:&quot;0&quot;,&quot;title&quot;:&quot;&quot;,&quot;orientation&quot;:&quot;0&quot;}\" data-image-title=\"Capture d\u2019e\u0301cran, le 2025-04-17 a\u0300 15.39.13\" data-image-description=\"\" data-medium-file=\"https:\/\/i0.wp.com\/itayachtscanada.com\/wp-content\/uploads\/2025\/04\/Capture-decran-le-2025-04-17-a-15.39.13.jpg?fit=300%2C169&#038;ssl=1\" data-large-file=\"https:\/\/i0.wp.com\/itayachtscanada.com\/wp-content\/uploads\/2025\/04\/Capture-decran-le-2025-04-17-a-15.39.13.jpg?fit=700%2C393&#038;ssl=1\" src=\"https:\/\/i0.wp.com\/itayachtscanada.com\/wp-content\/uploads\/2025\/04\/Capture-decran-le-2025-04-17-a-15.39.13.jpg?w=346&#038;h=194&#038;ssl=1\" srcset=\"https:\/\/i0.wp.com\/itayachtscanada.com\/wp-content\/uploads\/2025\/04\/Capture-decran-le-2025-04-17-a-15.39.13.jpg?w=1734&amp;ssl=1 1734w, https:\/\/i0.wp.com\/itayachtscanada.com\/wp-content\/uploads\/2025\/04\/Capture-decran-le-2025-04-17-a-15.39.13.jpg?resize=300%2C169&amp;ssl=1 300w, https:\/\/i0.wp.com\/itayachtscanada.com\/wp-content\/uploads\/2025\/04\/Capture-decran-le-2025-04-17-a-15.39.13.jpg?resize=1024%2C575&amp;ssl=1 1024w, https:\/\/i0.wp.com\/itayachtscanada.com\/wp-content\/uploads\/2025\/04\/Capture-decran-le-2025-04-17-a-15.39.13.jpg?resize=768%2C431&amp;ssl=1 768w, https:\/\/i0.wp.com\/itayachtscanada.com\/wp-content\/uploads\/2025\/04\/Capture-decran-le-2025-04-17-a-15.39.13.jpg?resize=1536%2C863&amp;ssl=1 1536w, https:\/\/i0.wp.com\/itayachtscanada.com\/wp-content\/uploads\/2025\/04\/Capture-decran-le-2025-04-17-a-15.39.13.jpg?resize=700%2C393&amp;ssl=1 700w, https:\/\/i0.wp.com\/itayachtscanada.com\/wp-content\/uploads\/2025\/04\/Capture-decran-le-2025-04-17-a-15.39.13.jpg?resize=712%2C400&amp;ssl=1 712w, https:\/\/i0.wp.com\/itayachtscanada.com\/wp-content\/uploads\/2025\/04\/Capture-decran-le-2025-04-17-a-15.39.13.jpg?w=1400&amp;ssl=1 1400w\" width=\"346\" height=\"194\" loading=\"lazy\" data-original-width=\"346\" data-original-height=\"194\" itemprop=\"http:\/\/schema.org\/image\" title=\"Capture d\u2019e\u0301cran, le 2025-04-17 a\u0300 15.39.13\" alt=\"Capture d\u2019e\u0301cran, le 2025-04-17 a\u0300 15.39.13\" style=\"width: 346px; height: 194px;\" \/> <\/a> <\/div> <\/div> <!-- close group --> <div class=\"gallery-group images-1\" style=\"width: 350px; height: 198px;\" data-original-width=\"350\" data-original-height=\"198\" > <div class=\"tiled-gallery-item tiled-gallery-item-large\" itemprop=\"associatedMedia\" itemscope itemtype=\"http:\/\/schema.org\/ImageObject\"> <a href=\"https:\/\/itayachtscanada.com\/fr\/listing\/azimut-grande-27-metri-2021-5644000-usd-for-sale\/capture-decran-le-2025-04-17-a-15-39-06\/\" border=\"0\" itemprop=\"url\"> <meta itemprop=\"width\" content=\"346\"> <meta itemprop=\"height\" content=\"194\"> <img decoding=\"async\" class=\"\" data-attachment-id=\"218723\" data-orig-file=\"https:\/\/itayachtscanada.com\/wp-content\/uploads\/2025\/04\/Capture-decran-le-2025-04-17-a-15.39.06.jpg\" data-orig-size=\"1734,974\" data-comments-opened=\"1\" data-image-meta=\"{&quot;aperture&quot;:&quot;0&quot;,&quot;credit&quot;:&quot;&quot;,&quot;camera&quot;:&quot;&quot;,&quot;caption&quot;:&quot;&quot;,&quot;created_timestamp&quot;:&quot;0&quot;,&quot;copyright&quot;:&quot;&quot;,&quot;focal_length&quot;:&quot;0&quot;,&quot;iso&quot;:&quot;0&quot;,&quot;shutter_speed&quot;:&quot;0&quot;,&quot;title&quot;:&quot;&quot;,&quot;orientation&quot;:&quot;0&quot;}\" data-image-title=\"Capture d\u2019e\u0301cran, le 2025-04-17 a\u0300 15.39.06\" data-image-description=\"\" data-medium-file=\"https:\/\/i0.wp.com\/itayachtscanada.com\/wp-content\/uploads\/2025\/04\/Capture-decran-le-2025-04-17-a-15.39.06.jpg?fit=300%2C169&#038;ssl=1\" data-large-file=\"https:\/\/i0.wp.com\/itayachtscanada.com\/wp-content\/uploads\/2025\/04\/Capture-decran-le-2025-04-17-a-15.39.06.jpg?fit=700%2C393&#038;ssl=1\" src=\"https:\/\/i0.wp.com\/itayachtscanada.com\/wp-content\/uploads\/2025\/04\/Capture-decran-le-2025-04-17-a-15.39.06.jpg?w=346&#038;h=194&#038;ssl=1\" srcset=\"https:\/\/i0.wp.com\/itayachtscanada.com\/wp-content\/uploads\/2025\/04\/Capture-decran-le-2025-04-17-a-15.39.06.jpg?w=1734&amp;ssl=1 1734w, https:\/\/i0.wp.com\/itayachtscanada.com\/wp-content\/uploads\/2025\/04\/Capture-decran-le-2025-04-17-a-15.39.06.jpg?resize=300%2C169&amp;ssl=1 300w, https:\/\/i0.wp.com\/itayachtscanada.com\/wp-content\/uploads\/2025\/04\/Capture-decran-le-2025-04-17-a-15.39.06.jpg?resize=1024%2C575&amp;ssl=1 1024w, https:\/\/i0.wp.com\/itayachtscanada.com\/wp-content\/uploads\/2025\/04\/Capture-decran-le-2025-04-17-a-15.39.06.jpg?resize=768%2C431&amp;ssl=1 768w, https:\/\/i0.wp.com\/itayachtscanada.com\/wp-content\/uploads\/2025\/04\/Capture-decran-le-2025-04-17-a-15.39.06.jpg?resize=1536%2C863&amp;ssl=1 1536w, https:\/\/i0.wp.com\/itayachtscanada.com\/wp-content\/uploads\/2025\/04\/Capture-decran-le-2025-04-17-a-15.39.06.jpg?resize=700%2C393&amp;ssl=1 700w, https:\/\/i0.wp.com\/itayachtscanada.com\/wp-content\/uploads\/2025\/04\/Capture-decran-le-2025-04-17-a-15.39.06.jpg?resize=712%2C400&amp;ssl=1 712w, https:\/\/i0.wp.com\/itayachtscanada.com\/wp-content\/uploads\/2025\/04\/Capture-decran-le-2025-04-17-a-15.39.06.jpg?w=1400&amp;ssl=1 1400w\" width=\"346\" height=\"194\" loading=\"lazy\" data-original-width=\"346\" data-original-height=\"194\" itemprop=\"http:\/\/schema.org\/image\" title=\"Capture d\u2019e\u0301cran, le 2025-04-17 a\u0300 15.39.06\" alt=\"Capture d\u2019e\u0301cran, le 2025-04-17 a\u0300 15.39.06\" style=\"width: 346px; height: 194px;\" \/> <\/a> <\/div> <\/div> <!-- close group --> <\/div> <!-- close row --> <div class=\"gallery-row\" style=\"width: 700px; height: 198px;\" data-original-width=\"700\" data-original-height=\"198\" > <div class=\"gallery-group images-1\" style=\"width: 350px; height: 198px;\" data-original-width=\"350\" data-original-height=\"198\" > <div class=\"tiled-gallery-item tiled-gallery-item-large\" itemprop=\"associatedMedia\" itemscope itemtype=\"http:\/\/schema.org\/ImageObject\"> <a href=\"https:\/\/itayachtscanada.com\/fr\/listing\/azimut-grande-27-metri-2021-5644000-usd-for-sale\/capture-decran-le-2025-04-17-a-15-39-02\/\" border=\"0\" itemprop=\"url\"> <meta itemprop=\"width\" content=\"346\"> <meta itemprop=\"height\" content=\"194\"> <img decoding=\"async\" class=\"\" data-attachment-id=\"218724\" data-orig-file=\"https:\/\/itayachtscanada.com\/wp-content\/uploads\/2025\/04\/Capture-decran-le-2025-04-17-a-15.39.02.jpg\" data-orig-size=\"1734,974\" data-comments-opened=\"1\" data-image-meta=\"{&quot;aperture&quot;:&quot;0&quot;,&quot;credit&quot;:&quot;&quot;,&quot;camera&quot;:&quot;&quot;,&quot;caption&quot;:&quot;&quot;,&quot;created_timestamp&quot;:&quot;0&quot;,&quot;copyright&quot;:&quot;&quot;,&quot;focal_length&quot;:&quot;0&quot;,&quot;iso&quot;:&quot;0&quot;,&quot;shutter_speed&quot;:&quot;0&quot;,&quot;title&quot;:&quot;&quot;,&quot;orientation&quot;:&quot;0&quot;}\" data-image-title=\"Capture d\u2019e\u0301cran, le 2025-04-17 a\u0300 15.39.02\" data-image-description=\"\" data-medium-file=\"https:\/\/i0.wp.com\/itayachtscanada.com\/wp-content\/uploads\/2025\/04\/Capture-decran-le-2025-04-17-a-15.39.02.jpg?fit=300%2C169&#038;ssl=1\" data-large-file=\"https:\/\/i0.wp.com\/itayachtscanada.com\/wp-content\/uploads\/2025\/04\/Capture-decran-le-2025-04-17-a-15.39.02.jpg?fit=700%2C393&#038;ssl=1\" src=\"https:\/\/i0.wp.com\/itayachtscanada.com\/wp-content\/uploads\/2025\/04\/Capture-decran-le-2025-04-17-a-15.39.02.jpg?w=346&#038;h=194&#038;ssl=1\" srcset=\"https:\/\/i0.wp.com\/itayachtscanada.com\/wp-content\/uploads\/2025\/04\/Capture-decran-le-2025-04-17-a-15.39.02.jpg?w=1734&amp;ssl=1 1734w, https:\/\/i0.wp.com\/itayachtscanada.com\/wp-content\/uploads\/2025\/04\/Capture-decran-le-2025-04-17-a-15.39.02.jpg?resize=300%2C169&amp;ssl=1 300w, https:\/\/i0.wp.com\/itayachtscanada.com\/wp-content\/uploads\/2025\/04\/Capture-decran-le-2025-04-17-a-15.39.02.jpg?resize=1024%2C575&amp;ssl=1 1024w, https:\/\/i0.wp.com\/itayachtscanada.com\/wp-content\/uploads\/2025\/04\/Capture-decran-le-2025-04-17-a-15.39.02.jpg?resize=768%2C431&amp;ssl=1 768w, https:\/\/i0.wp.com\/itayachtscanada.com\/wp-content\/uploads\/2025\/04\/Capture-decran-le-2025-04-17-a-15.39.02.jpg?resize=1536%2C863&amp;ssl=1 1536w, https:\/\/i0.wp.com\/itayachtscanada.com\/wp-content\/uploads\/2025\/04\/Capture-decran-le-2025-04-17-a-15.39.02.jpg?resize=700%2C393&amp;ssl=1 700w, https:\/\/i0.wp.com\/itayachtscanada.com\/wp-content\/uploads\/2025\/04\/Capture-decran-le-2025-04-17-a-15.39.02.jpg?resize=712%2C400&amp;ssl=1 712w, https:\/\/i0.wp.com\/itayachtscanada.com\/wp-content\/uploads\/2025\/04\/Capture-decran-le-2025-04-17-a-15.39.02.jpg?w=1400&amp;ssl=1 1400w\" width=\"346\" height=\"194\" loading=\"lazy\" data-original-width=\"346\" data-original-height=\"194\" itemprop=\"http:\/\/schema.org\/image\" title=\"Capture d\u2019e\u0301cran, le 2025-04-17 a\u0300 15.39.02\" alt=\"Capture d\u2019e\u0301cran, le 2025-04-17 a\u0300 15.39.02\" style=\"width: 346px; height: 194px;\" \/> <\/a> <\/div> <\/div> <!-- close group --> <div class=\"gallery-group images-1\" style=\"width: 350px; height: 198px;\" data-original-width=\"350\" data-original-height=\"198\" > <div class=\"tiled-gallery-item tiled-gallery-item-large\" itemprop=\"associatedMedia\" itemscope itemtype=\"http:\/\/schema.org\/ImageObject\"> <a href=\"https:\/\/itayachtscanada.com\/fr\/listing\/azimut-grande-27-metri-2021-5644000-usd-for-sale\/capture-decran-le-2025-04-17-a-15-38-58\/\" border=\"0\" itemprop=\"url\"> <meta itemprop=\"width\" content=\"346\"> <meta itemprop=\"height\" content=\"194\"> <img decoding=\"async\" class=\"\" data-attachment-id=\"218725\" data-orig-file=\"https:\/\/itayachtscanada.com\/wp-content\/uploads\/2025\/04\/Capture-decran-le-2025-04-17-a-15.38.58.jpg\" data-orig-size=\"1734,974\" data-comments-opened=\"1\" data-image-meta=\"{&quot;aperture&quot;:&quot;0&quot;,&quot;credit&quot;:&quot;&quot;,&quot;camera&quot;:&quot;&quot;,&quot;caption&quot;:&quot;&quot;,&quot;created_timestamp&quot;:&quot;0&quot;,&quot;copyright&quot;:&quot;&quot;,&quot;focal_length&quot;:&quot;0&quot;,&quot;iso&quot;:&quot;0&quot;,&quot;shutter_speed&quot;:&quot;0&quot;,&quot;title&quot;:&quot;&quot;,&quot;orientation&quot;:&quot;0&quot;}\" data-image-title=\"Capture d\u2019e\u0301cran, le 2025-04-17 a\u0300 15.38.58\" data-image-description=\"\" data-medium-file=\"https:\/\/i0.wp.com\/itayachtscanada.com\/wp-content\/uploads\/2025\/04\/Capture-decran-le-2025-04-17-a-15.38.58.jpg?fit=300%2C169&#038;ssl=1\" data-large-file=\"https:\/\/i0.wp.com\/itayachtscanada.com\/wp-content\/uploads\/2025\/04\/Capture-decran-le-2025-04-17-a-15.38.58.jpg?fit=700%2C393&#038;ssl=1\" src=\"https:\/\/i0.wp.com\/itayachtscanada.com\/wp-content\/uploads\/2025\/04\/Capture-decran-le-2025-04-17-a-15.38.58.jpg?w=346&#038;h=194&#038;ssl=1\" srcset=\"https:\/\/i0.wp.com\/itayachtscanada.com\/wp-content\/uploads\/2025\/04\/Capture-decran-le-2025-04-17-a-15.38.58.jpg?w=1734&amp;ssl=1 1734w, https:\/\/i0.wp.com\/itayachtscanada.com\/wp-content\/uploads\/2025\/04\/Capture-decran-le-2025-04-17-a-15.38.58.jpg?resize=300%2C169&amp;ssl=1 300w, https:\/\/i0.wp.com\/itayachtscanada.com\/wp-content\/uploads\/2025\/04\/Capture-decran-le-2025-04-17-a-15.38.58.jpg?resize=1024%2C575&amp;ssl=1 1024w, https:\/\/i0.wp.com\/itayachtscanada.com\/wp-content\/uploads\/2025\/04\/Capture-decran-le-2025-04-17-a-15.38.58.jpg?resize=768%2C431&amp;ssl=1 768w, https:\/\/i0.wp.com\/itayachtscanada.com\/wp-content\/uploads\/2025\/04\/Capture-decran-le-2025-04-17-a-15.38.58.jpg?resize=1536%2C863&amp;ssl=1 1536w, https:\/\/i0.wp.com\/itayachtscanada.com\/wp-content\/uploads\/2025\/04\/Capture-decran-le-2025-04-17-a-15.38.58.jpg?resize=700%2C393&amp;ssl=1 700w, https:\/\/i0.wp.com\/itayachtscanada.com\/wp-content\/uploads\/2025\/04\/Capture-decran-le-2025-04-17-a-15.38.58.jpg?resize=712%2C400&amp;ssl=1 712w, https:\/\/i0.wp.com\/itayachtscanada.com\/wp-content\/uploads\/2025\/04\/Capture-decran-le-2025-04-17-a-15.38.58.jpg?w=1400&amp;ssl=1 1400w\" width=\"346\" height=\"194\" loading=\"lazy\" data-original-width=\"346\" data-original-height=\"194\" itemprop=\"http:\/\/schema.org\/image\" title=\"Capture d\u2019e\u0301cran, le 2025-04-17 a\u0300 15.38.58\" alt=\"Capture d\u2019e\u0301cran, le 2025-04-17 a\u0300 15.38.58\" style=\"width: 346px; height: 194px;\" \/> <\/a> <\/div> <\/div> <!-- close group --> <\/div> <!-- close row --> <div class=\"gallery-row\" style=\"width: 700px; height: 198px;\" data-original-width=\"700\" data-original-height=\"198\" > <div class=\"gallery-group images-1\" style=\"width: 350px; height: 198px;\" data-original-width=\"350\" data-original-height=\"198\" > <div class=\"tiled-gallery-item tiled-gallery-item-large\" itemprop=\"associatedMedia\" itemscope itemtype=\"http:\/\/schema.org\/ImageObject\"> <a href=\"https:\/\/itayachtscanada.com\/fr\/listing\/azimut-grande-27-metri-2021-5644000-usd-for-sale\/capture-decran-le-2025-04-17-a-15-38-55\/\" border=\"0\" itemprop=\"url\"> <meta itemprop=\"width\" content=\"346\"> <meta itemprop=\"height\" content=\"194\"> <img decoding=\"async\" class=\"\" data-attachment-id=\"218726\" data-orig-file=\"https:\/\/itayachtscanada.com\/wp-content\/uploads\/2025\/04\/Capture-decran-le-2025-04-17-a-15.38.55.jpg\" data-orig-size=\"1734,974\" data-comments-opened=\"1\" data-image-meta=\"{&quot;aperture&quot;:&quot;0&quot;,&quot;credit&quot;:&quot;&quot;,&quot;camera&quot;:&quot;&quot;,&quot;caption&quot;:&quot;&quot;,&quot;created_timestamp&quot;:&quot;0&quot;,&quot;copyright&quot;:&quot;&quot;,&quot;focal_length&quot;:&quot;0&quot;,&quot;iso&quot;:&quot;0&quot;,&quot;shutter_speed&quot;:&quot;0&quot;,&quot;title&quot;:&quot;&quot;,&quot;orientation&quot;:&quot;0&quot;}\" data-image-title=\"Capture d\u2019e\u0301cran, le 2025-04-17 a\u0300 15.38.55\" data-image-description=\"\" data-medium-file=\"https:\/\/i0.wp.com\/itayachtscanada.com\/wp-content\/uploads\/2025\/04\/Capture-decran-le-2025-04-17-a-15.38.55.jpg?fit=300%2C169&#038;ssl=1\" data-large-file=\"https:\/\/i0.wp.com\/itayachtscanada.com\/wp-content\/uploads\/2025\/04\/Capture-decran-le-2025-04-17-a-15.38.55.jpg?fit=700%2C393&#038;ssl=1\" src=\"https:\/\/i0.wp.com\/itayachtscanada.com\/wp-content\/uploads\/2025\/04\/Capture-decran-le-2025-04-17-a-15.38.55.jpg?w=346&#038;h=194&#038;ssl=1\" srcset=\"https:\/\/i0.wp.com\/itayachtscanada.com\/wp-content\/uploads\/2025\/04\/Capture-decran-le-2025-04-17-a-15.38.55.jpg?w=1734&amp;ssl=1 1734w, https:\/\/i0.wp.com\/itayachtscanada.com\/wp-content\/uploads\/2025\/04\/Capture-decran-le-2025-04-17-a-15.38.55.jpg?resize=300%2C169&amp;ssl=1 300w, https:\/\/i0.wp.com\/itayachtscanada.com\/wp-content\/uploads\/2025\/04\/Capture-decran-le-2025-04-17-a-15.38.55.jpg?resize=1024%2C575&amp;ssl=1 1024w, https:\/\/i0.wp.com\/itayachtscanada.com\/wp-content\/uploads\/2025\/04\/Capture-decran-le-2025-04-17-a-15.38.55.jpg?resize=768%2C431&amp;ssl=1 768w, https:\/\/i0.wp.com\/itayachtscanada.com\/wp-content\/uploads\/2025\/04\/Capture-decran-le-2025-04-17-a-15.38.55.jpg?resize=1536%2C863&amp;ssl=1 1536w, https:\/\/i0.wp.com\/itayachtscanada.com\/wp-content\/uploads\/2025\/04\/Capture-decran-le-2025-04-17-a-15.38.55.jpg?resize=700%2C393&amp;ssl=1 700w, https:\/\/i0.wp.com\/itayachtscanada.com\/wp-content\/uploads\/2025\/04\/Capture-decran-le-2025-04-17-a-15.38.55.jpg?resize=712%2C400&amp;ssl=1 712w, https:\/\/i0.wp.com\/itayachtscanada.com\/wp-content\/uploads\/2025\/04\/Capture-decran-le-2025-04-17-a-15.38.55.jpg?w=1400&amp;ssl=1 1400w\" width=\"346\" height=\"194\" loading=\"lazy\" data-original-width=\"346\" data-original-height=\"194\" itemprop=\"http:\/\/schema.org\/image\" title=\"Capture d\u2019e\u0301cran, le 2025-04-17 a\u0300 15.38.55\" alt=\"Capture d\u2019e\u0301cran, le 2025-04-17 a\u0300 15.38.55\" style=\"width: 346px; height: 194px;\" \/> <\/a> <\/div> <\/div> <!-- close group --> <div class=\"gallery-group images-1\" style=\"width: 350px; height: 198px;\" data-original-width=\"350\" data-original-height=\"198\" > <div class=\"tiled-gallery-item tiled-gallery-item-large\" itemprop=\"associatedMedia\" itemscope itemtype=\"http:\/\/schema.org\/ImageObject\"> <a href=\"https:\/\/itayachtscanada.com\/fr\/listing\/azimut-grande-27-metri-2021-5644000-usd-for-sale\/capture-decran-le-2025-04-17-a-15-38-51\/\" border=\"0\" itemprop=\"url\"> <meta itemprop=\"width\" content=\"346\"> <meta itemprop=\"height\" content=\"194\"> <img decoding=\"async\" class=\"\" data-attachment-id=\"218727\" data-orig-file=\"https:\/\/itayachtscanada.com\/wp-content\/uploads\/2025\/04\/Capture-decran-le-2025-04-17-a-15.38.51.jpg\" data-orig-size=\"1734,974\" data-comments-opened=\"1\" data-image-meta=\"{&quot;aperture&quot;:&quot;0&quot;,&quot;credit&quot;:&quot;&quot;,&quot;camera&quot;:&quot;&quot;,&quot;caption&quot;:&quot;&quot;,&quot;created_timestamp&quot;:&quot;0&quot;,&quot;copyright&quot;:&quot;&quot;,&quot;focal_length&quot;:&quot;0&quot;,&quot;iso&quot;:&quot;0&quot;,&quot;shutter_speed&quot;:&quot;0&quot;,&quot;title&quot;:&quot;&quot;,&quot;orientation&quot;:&quot;0&quot;}\" data-image-title=\"Capture d\u2019e\u0301cran, le 2025-04-17 a\u0300 15.38.51\" data-image-description=\"\" data-medium-file=\"https:\/\/i0.wp.com\/itayachtscanada.com\/wp-content\/uploads\/2025\/04\/Capture-decran-le-2025-04-17-a-15.38.51.jpg?fit=300%2C169&#038;ssl=1\" data-large-file=\"https:\/\/i0.wp.com\/itayachtscanada.com\/wp-content\/uploads\/2025\/04\/Capture-decran-le-2025-04-17-a-15.38.51.jpg?fit=700%2C393&#038;ssl=1\" src=\"https:\/\/i0.wp.com\/itayachtscanada.com\/wp-content\/uploads\/2025\/04\/Capture-decran-le-2025-04-17-a-15.38.51.jpg?w=346&#038;h=194&#038;ssl=1\" srcset=\"https:\/\/i0.wp.com\/itayachtscanada.com\/wp-content\/uploads\/2025\/04\/Capture-decran-le-2025-04-17-a-15.38.51.jpg?w=1734&amp;ssl=1 1734w, https:\/\/i0.wp.com\/itayachtscanada.com\/wp-content\/uploads\/2025\/04\/Capture-decran-le-2025-04-17-a-15.38.51.jpg?resize=300%2C169&amp;ssl=1 300w, https:\/\/i0.wp.com\/itayachtscanada.com\/wp-content\/uploads\/2025\/04\/Capture-decran-le-2025-04-17-a-15.38.51.jpg?resize=1024%2C575&amp;ssl=1 1024w, https:\/\/i0.wp.com\/itayachtscanada.com\/wp-content\/uploads\/2025\/04\/Capture-decran-le-2025-04-17-a-15.38.51.jpg?resize=768%2C431&amp;ssl=1 768w, https:\/\/i0.wp.com\/itayachtscanada.com\/wp-content\/uploads\/2025\/04\/Capture-decran-le-2025-04-17-a-15.38.51.jpg?resize=1536%2C863&amp;ssl=1 1536w, https:\/\/i0.wp.com\/itayachtscanada.com\/wp-content\/uploads\/2025\/04\/Capture-decran-le-2025-04-17-a-15.38.51.jpg?resize=700%2C393&amp;ssl=1 700w, https:\/\/i0.wp.com\/itayachtscanada.com\/wp-content\/uploads\/2025\/04\/Capture-decran-le-2025-04-17-a-15.38.51.jpg?resize=712%2C400&amp;ssl=1 712w, https:\/\/i0.wp.com\/itayachtscanada.com\/wp-content\/uploads\/2025\/04\/Capture-decran-le-2025-04-17-a-15.38.51.jpg?w=1400&amp;ssl=1 1400w\" width=\"346\" height=\"194\" loading=\"lazy\" data-original-width=\"346\" data-original-height=\"194\" itemprop=\"http:\/\/schema.org\/image\" title=\"Capture d\u2019e\u0301cran, le 2025-04-17 a\u0300 15.38.51\" alt=\"Capture d\u2019e\u0301cran, le 2025-04-17 a\u0300 15.38.51\" style=\"width: 346px; height: 194px;\" \/> <\/a> <\/div> <\/div> <!-- close group --> <\/div> <!-- close row --> <div class=\"gallery-row\" style=\"width: 700px; height: 198px;\" data-original-width=\"700\" data-original-height=\"198\" > <div class=\"gallery-group images-1\" style=\"width: 350px; height: 198px;\" data-original-width=\"350\" data-original-height=\"198\" > <div class=\"tiled-gallery-item tiled-gallery-item-large\" itemprop=\"associatedMedia\" itemscope itemtype=\"http:\/\/schema.org\/ImageObject\"> <a href=\"https:\/\/itayachtscanada.com\/fr\/listing\/azimut-grande-27-metri-2021-5644000-usd-for-sale\/capture-decran-le-2025-04-17-a-15-38-48\/\" border=\"0\" itemprop=\"url\"> <meta itemprop=\"width\" content=\"346\"> <meta itemprop=\"height\" content=\"194\"> <img decoding=\"async\" class=\"\" data-attachment-id=\"218728\" data-orig-file=\"https:\/\/itayachtscanada.com\/wp-content\/uploads\/2025\/04\/Capture-decran-le-2025-04-17-a-15.38.48.jpg\" data-orig-size=\"1734,974\" data-comments-opened=\"1\" data-image-meta=\"{&quot;aperture&quot;:&quot;0&quot;,&quot;credit&quot;:&quot;&quot;,&quot;camera&quot;:&quot;&quot;,&quot;caption&quot;:&quot;&quot;,&quot;created_timestamp&quot;:&quot;0&quot;,&quot;copyright&quot;:&quot;&quot;,&quot;focal_length&quot;:&quot;0&quot;,&quot;iso&quot;:&quot;0&quot;,&quot;shutter_speed&quot;:&quot;0&quot;,&quot;title&quot;:&quot;&quot;,&quot;orientation&quot;:&quot;0&quot;}\" data-image-title=\"Capture d\u2019e\u0301cran, le 2025-04-17 a\u0300 15.38.48\" data-image-description=\"\" data-medium-file=\"https:\/\/i0.wp.com\/itayachtscanada.com\/wp-content\/uploads\/2025\/04\/Capture-decran-le-2025-04-17-a-15.38.48.jpg?fit=300%2C169&#038;ssl=1\" data-large-file=\"https:\/\/i0.wp.com\/itayachtscanada.com\/wp-content\/uploads\/2025\/04\/Capture-decran-le-2025-04-17-a-15.38.48.jpg?fit=700%2C393&#038;ssl=1\" src=\"https:\/\/i0.wp.com\/itayachtscanada.com\/wp-content\/uploads\/2025\/04\/Capture-decran-le-2025-04-17-a-15.38.48.jpg?w=346&#038;h=194&#038;ssl=1\" srcset=\"https:\/\/i0.wp.com\/itayachtscanada.com\/wp-content\/uploads\/2025\/04\/Capture-decran-le-2025-04-17-a-15.38.48.jpg?w=1734&amp;ssl=1 1734w, https:\/\/i0.wp.com\/itayachtscanada.com\/wp-content\/uploads\/2025\/04\/Capture-decran-le-2025-04-17-a-15.38.48.jpg?resize=300%2C169&amp;ssl=1 300w, https:\/\/i0.wp.com\/itayachtscanada.com\/wp-content\/uploads\/2025\/04\/Capture-decran-le-2025-04-17-a-15.38.48.jpg?resize=1024%2C575&amp;ssl=1 1024w, https:\/\/i0.wp.com\/itayachtscanada.com\/wp-content\/uploads\/2025\/04\/Capture-decran-le-2025-04-17-a-15.38.48.jpg?resize=768%2C431&amp;ssl=1 768w, https:\/\/i0.wp.com\/itayachtscanada.com\/wp-content\/uploads\/2025\/04\/Capture-decran-le-2025-04-17-a-15.38.48.jpg?resize=1536%2C863&amp;ssl=1 1536w, https:\/\/i0.wp.com\/itayachtscanada.com\/wp-content\/uploads\/2025\/04\/Capture-decran-le-2025-04-17-a-15.38.48.jpg?resize=700%2C393&amp;ssl=1 700w, https:\/\/i0.wp.com\/itayachtscanada.com\/wp-content\/uploads\/2025\/04\/Capture-decran-le-2025-04-17-a-15.38.48.jpg?resize=712%2C400&amp;ssl=1 712w, https:\/\/i0.wp.com\/itayachtscanada.com\/wp-content\/uploads\/2025\/04\/Capture-decran-le-2025-04-17-a-15.38.48.jpg?w=1400&amp;ssl=1 1400w\" width=\"346\" height=\"194\" loading=\"lazy\" data-original-width=\"346\" data-original-height=\"194\" itemprop=\"http:\/\/schema.org\/image\" title=\"Capture d\u2019e\u0301cran, le 2025-04-17 a\u0300 15.38.48\" alt=\"Capture d\u2019e\u0301cran, le 2025-04-17 a\u0300 15.38.48\" style=\"width: 346px; height: 194px;\" \/> <\/a> <\/div> <\/div> <!-- close group --> <div class=\"gallery-group images-1\" style=\"width: 350px; height: 198px;\" data-original-width=\"350\" data-original-height=\"198\" > <div class=\"tiled-gallery-item tiled-gallery-item-large\" itemprop=\"associatedMedia\" itemscope itemtype=\"http:\/\/schema.org\/ImageObject\"> <a href=\"https:\/\/itayachtscanada.com\/fr\/listing\/azimut-grande-27-metri-2021-5644000-usd-for-sale\/capture-decran-le-2025-04-17-a-15-38-44\/\" border=\"0\" itemprop=\"url\"> <meta itemprop=\"width\" content=\"346\"> <meta itemprop=\"height\" content=\"194\"> <img decoding=\"async\" class=\"\" data-attachment-id=\"218729\" data-orig-file=\"https:\/\/itayachtscanada.com\/wp-content\/uploads\/2025\/04\/Capture-decran-le-2025-04-17-a-15.38.44.jpg\" data-orig-size=\"1734,974\" data-comments-opened=\"1\" data-image-meta=\"{&quot;aperture&quot;:&quot;0&quot;,&quot;credit&quot;:&quot;&quot;,&quot;camera&quot;:&quot;&quot;,&quot;caption&quot;:&quot;&quot;,&quot;created_timestamp&quot;:&quot;0&quot;,&quot;copyright&quot;:&quot;&quot;,&quot;focal_length&quot;:&quot;0&quot;,&quot;iso&quot;:&quot;0&quot;,&quot;shutter_speed&quot;:&quot;0&quot;,&quot;title&quot;:&quot;&quot;,&quot;orientation&quot;:&quot;0&quot;}\" data-image-title=\"Capture d\u2019e\u0301cran, le 2025-04-17 a\u0300 15.38.44\" data-image-description=\"\" data-medium-file=\"https:\/\/i0.wp.com\/itayachtscanada.com\/wp-content\/uploads\/2025\/04\/Capture-decran-le-2025-04-17-a-15.38.44.jpg?fit=300%2C169&#038;ssl=1\" data-large-file=\"https:\/\/i0.wp.com\/itayachtscanada.com\/wp-content\/uploads\/2025\/04\/Capture-decran-le-2025-04-17-a-15.38.44.jpg?fit=700%2C393&#038;ssl=1\" src=\"https:\/\/i0.wp.com\/itayachtscanada.com\/wp-content\/uploads\/2025\/04\/Capture-decran-le-2025-04-17-a-15.38.44.jpg?w=346&#038;h=194&#038;ssl=1\" srcset=\"https:\/\/i0.wp.com\/itayachtscanada.com\/wp-content\/uploads\/2025\/04\/Capture-decran-le-2025-04-17-a-15.38.44.jpg?w=1734&amp;ssl=1 1734w, https:\/\/i0.wp.com\/itayachtscanada.com\/wp-content\/uploads\/2025\/04\/Capture-decran-le-2025-04-17-a-15.38.44.jpg?resize=300%2C169&amp;ssl=1 300w, https:\/\/i0.wp.com\/itayachtscanada.com\/wp-content\/uploads\/2025\/04\/Capture-decran-le-2025-04-17-a-15.38.44.jpg?resize=1024%2C575&amp;ssl=1 1024w, https:\/\/i0.wp.com\/itayachtscanada.com\/wp-content\/uploads\/2025\/04\/Capture-decran-le-2025-04-17-a-15.38.44.jpg?resize=768%2C431&amp;ssl=1 768w, https:\/\/i0.wp.com\/itayachtscanada.com\/wp-content\/uploads\/2025\/04\/Capture-decran-le-2025-04-17-a-15.38.44.jpg?resize=1536%2C863&amp;ssl=1 1536w, https:\/\/i0.wp.com\/itayachtscanada.com\/wp-content\/uploads\/2025\/04\/Capture-decran-le-2025-04-17-a-15.38.44.jpg?resize=700%2C393&amp;ssl=1 700w, https:\/\/i0.wp.com\/itayachtscanada.com\/wp-content\/uploads\/2025\/04\/Capture-decran-le-2025-04-17-a-15.38.44.jpg?resize=712%2C400&amp;ssl=1 712w, https:\/\/i0.wp.com\/itayachtscanada.com\/wp-content\/uploads\/2025\/04\/Capture-decran-le-2025-04-17-a-15.38.44.jpg?w=1400&amp;ssl=1 1400w\" width=\"346\" height=\"194\" loading=\"lazy\" data-original-width=\"346\" data-original-height=\"194\" itemprop=\"http:\/\/schema.org\/image\" title=\"Capture d\u2019e\u0301cran, le 2025-04-17 a\u0300 15.38.44\" alt=\"Capture d\u2019e\u0301cran, le 2025-04-17 a\u0300 15.38.44\" style=\"width: 346px; height: 194px;\" \/> <\/a> <\/div> <\/div> <!-- close group --> <\/div> <!-- close row --> <div class=\"gallery-row\" style=\"width: 700px; height: 198px;\" data-original-width=\"700\" data-original-height=\"198\" > <div class=\"gallery-group images-1\" style=\"width: 350px; height: 198px;\" data-original-width=\"350\" data-original-height=\"198\" > <div class=\"tiled-gallery-item tiled-gallery-item-large\" itemprop=\"associatedMedia\" itemscope itemtype=\"http:\/\/schema.org\/ImageObject\"> <a href=\"https:\/\/itayachtscanada.com\/fr\/listing\/azimut-grande-27-metri-2021-5644000-usd-for-sale\/capture-decran-le-2025-04-17-a-15-38-30\/\" border=\"0\" itemprop=\"url\"> <meta itemprop=\"width\" content=\"346\"> <meta itemprop=\"height\" content=\"194\"> <img decoding=\"async\" class=\"\" data-attachment-id=\"218733\" data-orig-file=\"https:\/\/itayachtscanada.com\/wp-content\/uploads\/2025\/04\/Capture-decran-le-2025-04-17-a-15.38.30.jpg\" data-orig-size=\"1734,974\" data-comments-opened=\"1\" data-image-meta=\"{&quot;aperture&quot;:&quot;0&quot;,&quot;credit&quot;:&quot;&quot;,&quot;camera&quot;:&quot;&quot;,&quot;caption&quot;:&quot;&quot;,&quot;created_timestamp&quot;:&quot;0&quot;,&quot;copyright&quot;:&quot;&quot;,&quot;focal_length&quot;:&quot;0&quot;,&quot;iso&quot;:&quot;0&quot;,&quot;shutter_speed&quot;:&quot;0&quot;,&quot;title&quot;:&quot;&quot;,&quot;orientation&quot;:&quot;0&quot;}\" data-image-title=\"Capture d\u2019e\u0301cran, le 2025-04-17 a\u0300 15.38.30\" data-image-description=\"\" data-medium-file=\"https:\/\/i0.wp.com\/itayachtscanada.com\/wp-content\/uploads\/2025\/04\/Capture-decran-le-2025-04-17-a-15.38.30.jpg?fit=300%2C169&#038;ssl=1\" data-large-file=\"https:\/\/i0.wp.com\/itayachtscanada.com\/wp-content\/uploads\/2025\/04\/Capture-decran-le-2025-04-17-a-15.38.30.jpg?fit=700%2C393&#038;ssl=1\" src=\"https:\/\/i0.wp.com\/itayachtscanada.com\/wp-content\/uploads\/2025\/04\/Capture-decran-le-2025-04-17-a-15.38.30.jpg?w=346&#038;h=194&#038;ssl=1\" srcset=\"https:\/\/i0.wp.com\/itayachtscanada.com\/wp-content\/uploads\/2025\/04\/Capture-decran-le-2025-04-17-a-15.38.30.jpg?w=1734&amp;ssl=1 1734w, https:\/\/i0.wp.com\/itayachtscanada.com\/wp-content\/uploads\/2025\/04\/Capture-decran-le-2025-04-17-a-15.38.30.jpg?resize=300%2C169&amp;ssl=1 300w, https:\/\/i0.wp.com\/itayachtscanada.com\/wp-content\/uploads\/2025\/04\/Capture-decran-le-2025-04-17-a-15.38.30.jpg?resize=1024%2C575&amp;ssl=1 1024w, https:\/\/i0.wp.com\/itayachtscanada.com\/wp-content\/uploads\/2025\/04\/Capture-decran-le-2025-04-17-a-15.38.30.jpg?resize=768%2C431&amp;ssl=1 768w, https:\/\/i0.wp.com\/itayachtscanada.com\/wp-content\/uploads\/2025\/04\/Capture-decran-le-2025-04-17-a-15.38.30.jpg?resize=1536%2C863&amp;ssl=1 1536w, https:\/\/i0.wp.com\/itayachtscanada.com\/wp-content\/uploads\/2025\/04\/Capture-decran-le-2025-04-17-a-15.38.30.jpg?resize=700%2C393&amp;ssl=1 700w, https:\/\/i0.wp.com\/itayachtscanada.com\/wp-content\/uploads\/2025\/04\/Capture-decran-le-2025-04-17-a-15.38.30.jpg?resize=712%2C400&amp;ssl=1 712w, https:\/\/i0.wp.com\/itayachtscanada.com\/wp-content\/uploads\/2025\/04\/Capture-decran-le-2025-04-17-a-15.38.30.jpg?w=1400&amp;ssl=1 1400w\" width=\"346\" height=\"194\" loading=\"lazy\" data-original-width=\"346\" data-original-height=\"194\" itemprop=\"http:\/\/schema.org\/image\" title=\"Capture d\u2019e\u0301cran, le 2025-04-17 a\u0300 15.38.30\" alt=\"Capture d\u2019e\u0301cran, le 2025-04-17 a\u0300 15.38.30\" style=\"width: 346px; height: 194px;\" \/> <\/a> <\/div> <\/div> <!-- close group --> <div class=\"gallery-group images-1\" style=\"width: 350px; height: 198px;\" data-original-width=\"350\" data-original-height=\"198\" > <div class=\"tiled-gallery-item tiled-gallery-item-large\" itemprop=\"associatedMedia\" itemscope itemtype=\"http:\/\/schema.org\/ImageObject\"> <a href=\"https:\/\/itayachtscanada.com\/fr\/listing\/azimut-grande-27-metri-2021-5644000-usd-for-sale\/capture-decran-le-2025-04-17-a-15-38-03\/\" border=\"0\" itemprop=\"url\"> <meta itemprop=\"width\" content=\"346\"> <meta itemprop=\"height\" content=\"194\"> <img decoding=\"async\" class=\"\" data-attachment-id=\"218741\" data-orig-file=\"https:\/\/itayachtscanada.com\/wp-content\/uploads\/2025\/04\/Capture-decran-le-2025-04-17-a-15.38.03.jpg\" data-orig-size=\"1734,974\" data-comments-opened=\"1\" data-image-meta=\"{&quot;aperture&quot;:&quot;0&quot;,&quot;credit&quot;:&quot;&quot;,&quot;camera&quot;:&quot;&quot;,&quot;caption&quot;:&quot;&quot;,&quot;created_timestamp&quot;:&quot;0&quot;,&quot;copyright&quot;:&quot;&quot;,&quot;focal_length&quot;:&quot;0&quot;,&quot;iso&quot;:&quot;0&quot;,&quot;shutter_speed&quot;:&quot;0&quot;,&quot;title&quot;:&quot;&quot;,&quot;orientation&quot;:&quot;0&quot;}\" data-image-title=\"Capture d\u2019e\u0301cran, le 2025-04-17 a\u0300 15.38.03\" data-image-description=\"\" data-medium-file=\"https:\/\/i0.wp.com\/itayachtscanada.com\/wp-content\/uploads\/2025\/04\/Capture-decran-le-2025-04-17-a-15.38.03.jpg?fit=300%2C169&#038;ssl=1\" data-large-file=\"https:\/\/i0.wp.com\/itayachtscanada.com\/wp-content\/uploads\/2025\/04\/Capture-decran-le-2025-04-17-a-15.38.03.jpg?fit=700%2C393&#038;ssl=1\" src=\"https:\/\/i0.wp.com\/itayachtscanada.com\/wp-content\/uploads\/2025\/04\/Capture-decran-le-2025-04-17-a-15.38.03.jpg?w=346&#038;h=194&#038;ssl=1\" srcset=\"https:\/\/i0.wp.com\/itayachtscanada.com\/wp-content\/uploads\/2025\/04\/Capture-decran-le-2025-04-17-a-15.38.03.jpg?w=1734&amp;ssl=1 1734w, https:\/\/i0.wp.com\/itayachtscanada.com\/wp-content\/uploads\/2025\/04\/Capture-decran-le-2025-04-17-a-15.38.03.jpg?resize=300%2C169&amp;ssl=1 300w, https:\/\/i0.wp.com\/itayachtscanada.com\/wp-content\/uploads\/2025\/04\/Capture-decran-le-2025-04-17-a-15.38.03.jpg?resize=1024%2C575&amp;ssl=1 1024w, https:\/\/i0.wp.com\/itayachtscanada.com\/wp-content\/uploads\/2025\/04\/Capture-decran-le-2025-04-17-a-15.38.03.jpg?resize=768%2C431&amp;ssl=1 768w, https:\/\/i0.wp.com\/itayachtscanada.com\/wp-content\/uploads\/2025\/04\/Capture-decran-le-2025-04-17-a-15.38.03.jpg?resize=1536%2C863&amp;ssl=1 1536w, https:\/\/i0.wp.com\/itayachtscanada.com\/wp-content\/uploads\/2025\/04\/Capture-decran-le-2025-04-17-a-15.38.03.jpg?resize=700%2C393&amp;ssl=1 700w, https:\/\/i0.wp.com\/itayachtscanada.com\/wp-content\/uploads\/2025\/04\/Capture-decran-le-2025-04-17-a-15.38.03.jpg?resize=712%2C400&amp;ssl=1 712w, https:\/\/i0.wp.com\/itayachtscanada.com\/wp-content\/uploads\/2025\/04\/Capture-decran-le-2025-04-17-a-15.38.03.jpg?w=1400&amp;ssl=1 1400w\" width=\"346\" height=\"194\" loading=\"lazy\" data-original-width=\"346\" data-original-height=\"194\" itemprop=\"http:\/\/schema.org\/image\" title=\"Capture d\u2019e\u0301cran, le 2025-04-17 a\u0300 15.38.03\" alt=\"Capture d\u2019e\u0301cran, le 2025-04-17 a\u0300 15.38.03\" style=\"width: 346px; height: 194px;\" \/> <\/a> <\/div> <\/div> <!-- close group --> <\/div> <!-- close row --> <div class=\"gallery-row\" style=\"width: 700px; height: 198px;\" data-original-width=\"700\" data-original-height=\"198\" > <div class=\"gallery-group images-1\" style=\"width: 350px; height: 198px;\" data-original-width=\"350\" data-original-height=\"198\" > <div class=\"tiled-gallery-item tiled-gallery-item-large\" itemprop=\"associatedMedia\" itemscope itemtype=\"http:\/\/schema.org\/ImageObject\"> <a href=\"https:\/\/itayachtscanada.com\/fr\/listing\/azimut-grande-27-metri-2021-5644000-usd-for-sale\/capture-decran-le-2025-04-17-a-15-38-22\/\" border=\"0\" itemprop=\"url\"> <meta itemprop=\"width\" content=\"346\"> <meta itemprop=\"height\" content=\"194\"> <img decoding=\"async\" class=\"\" data-attachment-id=\"218735\" data-orig-file=\"https:\/\/itayachtscanada.com\/wp-content\/uploads\/2025\/04\/Capture-decran-le-2025-04-17-a-15.38.22.jpg\" data-orig-size=\"1734,974\" data-comments-opened=\"1\" data-image-meta=\"{&quot;aperture&quot;:&quot;0&quot;,&quot;credit&quot;:&quot;&quot;,&quot;camera&quot;:&quot;&quot;,&quot;caption&quot;:&quot;&quot;,&quot;created_timestamp&quot;:&quot;0&quot;,&quot;copyright&quot;:&quot;&quot;,&quot;focal_length&quot;:&quot;0&quot;,&quot;iso&quot;:&quot;0&quot;,&quot;shutter_speed&quot;:&quot;0&quot;,&quot;title&quot;:&quot;&quot;,&quot;orientation&quot;:&quot;0&quot;}\" data-image-title=\"Capture d\u2019e\u0301cran, le 2025-04-17 a\u0300 15.38.22\" data-image-description=\"\" data-medium-file=\"https:\/\/i0.wp.com\/itayachtscanada.com\/wp-content\/uploads\/2025\/04\/Capture-decran-le-2025-04-17-a-15.38.22.jpg?fit=300%2C169&#038;ssl=1\" data-large-file=\"https:\/\/i0.wp.com\/itayachtscanada.com\/wp-content\/uploads\/2025\/04\/Capture-decran-le-2025-04-17-a-15.38.22.jpg?fit=700%2C393&#038;ssl=1\" src=\"https:\/\/i0.wp.com\/itayachtscanada.com\/wp-content\/uploads\/2025\/04\/Capture-decran-le-2025-04-17-a-15.38.22.jpg?w=346&#038;h=194&#038;ssl=1\" srcset=\"https:\/\/i0.wp.com\/itayachtscanada.com\/wp-content\/uploads\/2025\/04\/Capture-decran-le-2025-04-17-a-15.38.22.jpg?w=1734&amp;ssl=1 1734w, https:\/\/i0.wp.com\/itayachtscanada.com\/wp-content\/uploads\/2025\/04\/Capture-decran-le-2025-04-17-a-15.38.22.jpg?resize=300%2C169&amp;ssl=1 300w, https:\/\/i0.wp.com\/itayachtscanada.com\/wp-content\/uploads\/2025\/04\/Capture-decran-le-2025-04-17-a-15.38.22.jpg?resize=1024%2C575&amp;ssl=1 1024w, https:\/\/i0.wp.com\/itayachtscanada.com\/wp-content\/uploads\/2025\/04\/Capture-decran-le-2025-04-17-a-15.38.22.jpg?resize=768%2C431&amp;ssl=1 768w, https:\/\/i0.wp.com\/itayachtscanada.com\/wp-content\/uploads\/2025\/04\/Capture-decran-le-2025-04-17-a-15.38.22.jpg?resize=1536%2C863&amp;ssl=1 1536w, https:\/\/i0.wp.com\/itayachtscanada.com\/wp-content\/uploads\/2025\/04\/Capture-decran-le-2025-04-17-a-15.38.22.jpg?resize=700%2C393&amp;ssl=1 700w, https:\/\/i0.wp.com\/itayachtscanada.com\/wp-content\/uploads\/2025\/04\/Capture-decran-le-2025-04-17-a-15.38.22.jpg?resize=712%2C400&amp;ssl=1 712w, https:\/\/i0.wp.com\/itayachtscanada.com\/wp-content\/uploads\/2025\/04\/Capture-decran-le-2025-04-17-a-15.38.22.jpg?w=1400&amp;ssl=1 1400w\" width=\"346\" height=\"194\" loading=\"lazy\" data-original-width=\"346\" data-original-height=\"194\" itemprop=\"http:\/\/schema.org\/image\" title=\"Capture d\u2019e\u0301cran, le 2025-04-17 a\u0300 15.38.22\" alt=\"Capture d\u2019e\u0301cran, le 2025-04-17 a\u0300 15.38.22\" style=\"width: 346px; height: 194px;\" \/> <\/a> <\/div> <\/div> <!-- close group --> <div class=\"gallery-group images-1\" style=\"width: 350px; height: 198px;\" data-original-width=\"350\" data-original-height=\"198\" > <div class=\"tiled-gallery-item tiled-gallery-item-large\" itemprop=\"associatedMedia\" itemscope itemtype=\"http:\/\/schema.org\/ImageObject\"> <a href=\"https:\/\/itayachtscanada.com\/fr\/listing\/azimut-grande-27-metri-2021-5644000-usd-for-sale\/capture-decran-le-2025-04-17-a-15-38-09\/\" border=\"0\" itemprop=\"url\"> <meta itemprop=\"width\" content=\"346\"> <meta itemprop=\"height\" content=\"194\"> <img decoding=\"async\" class=\"\" data-attachment-id=\"218739\" data-orig-file=\"https:\/\/itayachtscanada.com\/wp-content\/uploads\/2025\/04\/Capture-decran-le-2025-04-17-a-15.38.09.jpg\" data-orig-size=\"1734,974\" data-comments-opened=\"1\" data-image-meta=\"{&quot;aperture&quot;:&quot;0&quot;,&quot;credit&quot;:&quot;&quot;,&quot;camera&quot;:&quot;&quot;,&quot;caption&quot;:&quot;&quot;,&quot;created_timestamp&quot;:&quot;0&quot;,&quot;copyright&quot;:&quot;&quot;,&quot;focal_length&quot;:&quot;0&quot;,&quot;iso&quot;:&quot;0&quot;,&quot;shutter_speed&quot;:&quot;0&quot;,&quot;title&quot;:&quot;&quot;,&quot;orientation&quot;:&quot;0&quot;}\" data-image-title=\"Capture d\u2019e\u0301cran, le 2025-04-17 a\u0300 15.38.09\" data-image-description=\"\" data-medium-file=\"https:\/\/i0.wp.com\/itayachtscanada.com\/wp-content\/uploads\/2025\/04\/Capture-decran-le-2025-04-17-a-15.38.09.jpg?fit=300%2C169&#038;ssl=1\" data-large-file=\"https:\/\/i0.wp.com\/itayachtscanada.com\/wp-content\/uploads\/2025\/04\/Capture-decran-le-2025-04-17-a-15.38.09.jpg?fit=700%2C393&#038;ssl=1\" src=\"https:\/\/i0.wp.com\/itayachtscanada.com\/wp-content\/uploads\/2025\/04\/Capture-decran-le-2025-04-17-a-15.38.09.jpg?w=346&#038;h=194&#038;ssl=1\" srcset=\"https:\/\/i0.wp.com\/itayachtscanada.com\/wp-content\/uploads\/2025\/04\/Capture-decran-le-2025-04-17-a-15.38.09.jpg?w=1734&amp;ssl=1 1734w, https:\/\/i0.wp.com\/itayachtscanada.com\/wp-content\/uploads\/2025\/04\/Capture-decran-le-2025-04-17-a-15.38.09.jpg?resize=300%2C169&amp;ssl=1 300w, https:\/\/i0.wp.com\/itayachtscanada.com\/wp-content\/uploads\/2025\/04\/Capture-decran-le-2025-04-17-a-15.38.09.jpg?resize=1024%2C575&amp;ssl=1 1024w, https:\/\/i0.wp.com\/itayachtscanada.com\/wp-content\/uploads\/2025\/04\/Capture-decran-le-2025-04-17-a-15.38.09.jpg?resize=768%2C431&amp;ssl=1 768w, https:\/\/i0.wp.com\/itayachtscanada.com\/wp-content\/uploads\/2025\/04\/Capture-decran-le-2025-04-17-a-15.38.09.jpg?resize=1536%2C863&amp;ssl=1 1536w, https:\/\/i0.wp.com\/itayachtscanada.com\/wp-content\/uploads\/2025\/04\/Capture-decran-le-2025-04-17-a-15.38.09.jpg?resize=700%2C393&amp;ssl=1 700w, https:\/\/i0.wp.com\/itayachtscanada.com\/wp-content\/uploads\/2025\/04\/Capture-decran-le-2025-04-17-a-15.38.09.jpg?resize=712%2C400&amp;ssl=1 712w, https:\/\/i0.wp.com\/itayachtscanada.com\/wp-content\/uploads\/2025\/04\/Capture-decran-le-2025-04-17-a-15.38.09.jpg?w=1400&amp;ssl=1 1400w\" width=\"346\" height=\"194\" loading=\"lazy\" data-original-width=\"346\" data-original-height=\"194\" itemprop=\"http:\/\/schema.org\/image\" title=\"Capture d\u2019e\u0301cran, le 2025-04-17 a\u0300 15.38.09\" alt=\"Capture d\u2019e\u0301cran, le 2025-04-17 a\u0300 15.38.09\" style=\"width: 346px; height: 194px;\" \/> <\/a> <\/div> <\/div> <!-- close group --> <\/div> <!-- close row --> <div class=\"gallery-row\" style=\"width: 700px; height: 198px;\" data-original-width=\"700\" data-original-height=\"198\" > <div class=\"gallery-group images-1\" style=\"width: 350px; height: 198px;\" data-original-width=\"350\" data-original-height=\"198\" > <div class=\"tiled-gallery-item tiled-gallery-item-large\" itemprop=\"associatedMedia\" itemscope itemtype=\"http:\/\/schema.org\/ImageObject\"> <a href=\"https:\/\/itayachtscanada.com\/fr\/listing\/azimut-grande-27-metri-2021-5644000-usd-for-sale\/capture-decran-le-2025-04-17-a-15-38-06\/\" border=\"0\" itemprop=\"url\"> <meta itemprop=\"width\" content=\"346\"> <meta itemprop=\"height\" content=\"194\"> <img decoding=\"async\" class=\"\" data-attachment-id=\"218740\" data-orig-file=\"https:\/\/itayachtscanada.com\/wp-content\/uploads\/2025\/04\/Capture-decran-le-2025-04-17-a-15.38.06.jpg\" data-orig-size=\"1734,974\" data-comments-opened=\"1\" data-image-meta=\"{&quot;aperture&quot;:&quot;0&quot;,&quot;credit&quot;:&quot;&quot;,&quot;camera&quot;:&quot;&quot;,&quot;caption&quot;:&quot;&quot;,&quot;created_timestamp&quot;:&quot;0&quot;,&quot;copyright&quot;:&quot;&quot;,&quot;focal_length&quot;:&quot;0&quot;,&quot;iso&quot;:&quot;0&quot;,&quot;shutter_speed&quot;:&quot;0&quot;,&quot;title&quot;:&quot;&quot;,&quot;orientation&quot;:&quot;0&quot;}\" data-image-title=\"Capture d\u2019e\u0301cran, le 2025-04-17 a\u0300 15.38.06\" data-image-description=\"\" data-medium-file=\"https:\/\/i0.wp.com\/itayachtscanada.com\/wp-content\/uploads\/2025\/04\/Capture-decran-le-2025-04-17-a-15.38.06.jpg?fit=300%2C169&#038;ssl=1\" data-large-file=\"https:\/\/i0.wp.com\/itayachtscanada.com\/wp-content\/uploads\/2025\/04\/Capture-decran-le-2025-04-17-a-15.38.06.jpg?fit=700%2C393&#038;ssl=1\" src=\"https:\/\/i0.wp.com\/itayachtscanada.com\/wp-content\/uploads\/2025\/04\/Capture-decran-le-2025-04-17-a-15.38.06.jpg?w=346&#038;h=194&#038;ssl=1\" srcset=\"https:\/\/i0.wp.com\/itayachtscanada.com\/wp-content\/uploads\/2025\/04\/Capture-decran-le-2025-04-17-a-15.38.06.jpg?w=1734&amp;ssl=1 1734w, https:\/\/i0.wp.com\/itayachtscanada.com\/wp-content\/uploads\/2025\/04\/Capture-decran-le-2025-04-17-a-15.38.06.jpg?resize=300%2C169&amp;ssl=1 300w, https:\/\/i0.wp.com\/itayachtscanada.com\/wp-content\/uploads\/2025\/04\/Capture-decran-le-2025-04-17-a-15.38.06.jpg?resize=1024%2C575&amp;ssl=1 1024w, https:\/\/i0.wp.com\/itayachtscanada.com\/wp-content\/uploads\/2025\/04\/Capture-decran-le-2025-04-17-a-15.38.06.jpg?resize=768%2C431&amp;ssl=1 768w, https:\/\/i0.wp.com\/itayachtscanada.com\/wp-content\/uploads\/2025\/04\/Capture-decran-le-2025-04-17-a-15.38.06.jpg?resize=1536%2C863&amp;ssl=1 1536w, https:\/\/i0.wp.com\/itayachtscanada.com\/wp-content\/uploads\/2025\/04\/Capture-decran-le-2025-04-17-a-15.38.06.jpg?resize=700%2C393&amp;ssl=1 700w, https:\/\/i0.wp.com\/itayachtscanada.com\/wp-content\/uploads\/2025\/04\/Capture-decran-le-2025-04-17-a-15.38.06.jpg?resize=712%2C400&amp;ssl=1 712w, https:\/\/i0.wp.com\/itayachtscanada.com\/wp-content\/uploads\/2025\/04\/Capture-decran-le-2025-04-17-a-15.38.06.jpg?w=1400&amp;ssl=1 1400w\" width=\"346\" height=\"194\" loading=\"lazy\" data-original-width=\"346\" data-original-height=\"194\" itemprop=\"http:\/\/schema.org\/image\" title=\"Capture d\u2019e\u0301cran, le 2025-04-17 a\u0300 15.38.06\" alt=\"Capture d\u2019e\u0301cran, le 2025-04-17 a\u0300 15.38.06\" style=\"width: 346px; height: 194px;\" \/> <\/a> <\/div> <\/div> <!-- close group --> <div class=\"gallery-group images-1\" style=\"width: 350px; height: 198px;\" data-original-width=\"350\" data-original-height=\"198\" > <div class=\"tiled-gallery-item tiled-gallery-item-large\" itemprop=\"associatedMedia\" itemscope itemtype=\"http:\/\/schema.org\/ImageObject\"> <a href=\"https:\/\/itayachtscanada.com\/fr\/listing\/azimut-grande-27-metri-2021-5644000-usd-for-sale\/capture-decran-le-2025-04-17-a-15-38-12\/\" border=\"0\" itemprop=\"url\"> <meta itemprop=\"width\" content=\"346\"> <meta itemprop=\"height\" content=\"194\"> <img decoding=\"async\" class=\"\" data-attachment-id=\"218738\" data-orig-file=\"https:\/\/itayachtscanada.com\/wp-content\/uploads\/2025\/04\/Capture-decran-le-2025-04-17-a-15.38.12.jpg\" data-orig-size=\"1734,974\" data-comments-opened=\"1\" data-image-meta=\"{&quot;aperture&quot;:&quot;0&quot;,&quot;credit&quot;:&quot;&quot;,&quot;camera&quot;:&quot;&quot;,&quot;caption&quot;:&quot;&quot;,&quot;created_timestamp&quot;:&quot;0&quot;,&quot;copyright&quot;:&quot;&quot;,&quot;focal_length&quot;:&quot;0&quot;,&quot;iso&quot;:&quot;0&quot;,&quot;shutter_speed&quot;:&quot;0&quot;,&quot;title&quot;:&quot;&quot;,&quot;orientation&quot;:&quot;0&quot;}\" data-image-title=\"Capture d\u2019e\u0301cran, le 2025-04-17 a\u0300 15.38.12\" data-image-description=\"\" data-medium-file=\"https:\/\/i0.wp.com\/itayachtscanada.com\/wp-content\/uploads\/2025\/04\/Capture-decran-le-2025-04-17-a-15.38.12.jpg?fit=300%2C169&#038;ssl=1\" data-large-file=\"https:\/\/i0.wp.com\/itayachtscanada.com\/wp-content\/uploads\/2025\/04\/Capture-decran-le-2025-04-17-a-15.38.12.jpg?fit=700%2C393&#038;ssl=1\" src=\"https:\/\/i0.wp.com\/itayachtscanada.com\/wp-content\/uploads\/2025\/04\/Capture-decran-le-2025-04-17-a-15.38.12.jpg?w=346&#038;h=194&#038;ssl=1\" srcset=\"https:\/\/i0.wp.com\/itayachtscanada.com\/wp-content\/uploads\/2025\/04\/Capture-decran-le-2025-04-17-a-15.38.12.jpg?w=1734&amp;ssl=1 1734w, https:\/\/i0.wp.com\/itayachtscanada.com\/wp-content\/uploads\/2025\/04\/Capture-decran-le-2025-04-17-a-15.38.12.jpg?resize=300%2C169&amp;ssl=1 300w, https:\/\/i0.wp.com\/itayachtscanada.com\/wp-content\/uploads\/2025\/04\/Capture-decran-le-2025-04-17-a-15.38.12.jpg?resize=1024%2C575&amp;ssl=1 1024w, https:\/\/i0.wp.com\/itayachtscanada.com\/wp-content\/uploads\/2025\/04\/Capture-decran-le-2025-04-17-a-15.38.12.jpg?resize=768%2C431&amp;ssl=1 768w, https:\/\/i0.wp.com\/itayachtscanada.com\/wp-content\/uploads\/2025\/04\/Capture-decran-le-2025-04-17-a-15.38.12.jpg?resize=1536%2C863&amp;ssl=1 1536w, https:\/\/i0.wp.com\/itayachtscanada.com\/wp-content\/uploads\/2025\/04\/Capture-decran-le-2025-04-17-a-15.38.12.jpg?resize=700%2C393&amp;ssl=1 700w, https:\/\/i0.wp.com\/itayachtscanada.com\/wp-content\/uploads\/2025\/04\/Capture-decran-le-2025-04-17-a-15.38.12.jpg?resize=712%2C400&amp;ssl=1 712w, https:\/\/i0.wp.com\/itayachtscanada.com\/wp-content\/uploads\/2025\/04\/Capture-decran-le-2025-04-17-a-15.38.12.jpg?w=1400&amp;ssl=1 1400w\" width=\"346\" height=\"194\" loading=\"lazy\" data-original-width=\"346\" data-original-height=\"194\" itemprop=\"http:\/\/schema.org\/image\" title=\"Capture d\u2019e\u0301cran, le 2025-04-17 a\u0300 15.38.12\" alt=\"Capture d\u2019e\u0301cran, le 2025-04-17 a\u0300 15.38.12\" style=\"width: 346px; height: 194px;\" \/> <\/a> <\/div> <\/div> <!-- close group --> <\/div> <!-- close row --> <div class=\"gallery-row\" style=\"width: 700px; height: 198px;\" data-original-width=\"700\" data-original-height=\"198\" > <div class=\"gallery-group images-1\" style=\"width: 350px; height: 198px;\" data-original-width=\"350\" data-original-height=\"198\" > <div class=\"tiled-gallery-item tiled-gallery-item-large\" itemprop=\"associatedMedia\" itemscope itemtype=\"http:\/\/schema.org\/ImageObject\"> <a href=\"https:\/\/itayachtscanada.com\/fr\/listing\/azimut-grande-27-metri-2021-5644000-usd-for-sale\/capture-decran-le-2025-04-17-a-15-38-26\/\" border=\"0\" itemprop=\"url\"> <meta itemprop=\"width\" content=\"346\"> <meta itemprop=\"height\" content=\"194\"> <img decoding=\"async\" class=\"\" data-attachment-id=\"218734\" data-orig-file=\"https:\/\/itayachtscanada.com\/wp-content\/uploads\/2025\/04\/Capture-decran-le-2025-04-17-a-15.38.26.jpg\" data-orig-size=\"1734,974\" data-comments-opened=\"1\" data-image-meta=\"{&quot;aperture&quot;:&quot;0&quot;,&quot;credit&quot;:&quot;&quot;,&quot;camera&quot;:&quot;&quot;,&quot;caption&quot;:&quot;&quot;,&quot;created_timestamp&quot;:&quot;0&quot;,&quot;copyright&quot;:&quot;&quot;,&quot;focal_length&quot;:&quot;0&quot;,&quot;iso&quot;:&quot;0&quot;,&quot;shutter_speed&quot;:&quot;0&quot;,&quot;title&quot;:&quot;&quot;,&quot;orientation&quot;:&quot;0&quot;}\" data-image-title=\"Capture d\u2019e\u0301cran, le 2025-04-17 a\u0300 15.38.26\" data-image-description=\"\" data-medium-file=\"https:\/\/i0.wp.com\/itayachtscanada.com\/wp-content\/uploads\/2025\/04\/Capture-decran-le-2025-04-17-a-15.38.26.jpg?fit=300%2C169&#038;ssl=1\" data-large-file=\"https:\/\/i0.wp.com\/itayachtscanada.com\/wp-content\/uploads\/2025\/04\/Capture-decran-le-2025-04-17-a-15.38.26.jpg?fit=700%2C393&#038;ssl=1\" src=\"https:\/\/i0.wp.com\/itayachtscanada.com\/wp-content\/uploads\/2025\/04\/Capture-decran-le-2025-04-17-a-15.38.26.jpg?w=346&#038;h=194&#038;ssl=1\" srcset=\"https:\/\/i0.wp.com\/itayachtscanada.com\/wp-content\/uploads\/2025\/04\/Capture-decran-le-2025-04-17-a-15.38.26.jpg?w=1734&amp;ssl=1 1734w, https:\/\/i0.wp.com\/itayachtscanada.com\/wp-content\/uploads\/2025\/04\/Capture-decran-le-2025-04-17-a-15.38.26.jpg?resize=300%2C169&amp;ssl=1 300w, https:\/\/i0.wp.com\/itayachtscanada.com\/wp-content\/uploads\/2025\/04\/Capture-decran-le-2025-04-17-a-15.38.26.jpg?resize=1024%2C575&amp;ssl=1 1024w, https:\/\/i0.wp.com\/itayachtscanada.com\/wp-content\/uploads\/2025\/04\/Capture-decran-le-2025-04-17-a-15.38.26.jpg?resize=768%2C431&amp;ssl=1 768w, https:\/\/i0.wp.com\/itayachtscanada.com\/wp-content\/uploads\/2025\/04\/Capture-decran-le-2025-04-17-a-15.38.26.jpg?resize=1536%2C863&amp;ssl=1 1536w, https:\/\/i0.wp.com\/itayachtscanada.com\/wp-content\/uploads\/2025\/04\/Capture-decran-le-2025-04-17-a-15.38.26.jpg?resize=700%2C393&amp;ssl=1 700w, https:\/\/i0.wp.com\/itayachtscanada.com\/wp-content\/uploads\/2025\/04\/Capture-decran-le-2025-04-17-a-15.38.26.jpg?resize=712%2C400&amp;ssl=1 712w, https:\/\/i0.wp.com\/itayachtscanada.com\/wp-content\/uploads\/2025\/04\/Capture-decran-le-2025-04-17-a-15.38.26.jpg?w=1400&amp;ssl=1 1400w\" width=\"346\" height=\"194\" loading=\"lazy\" data-original-width=\"346\" data-original-height=\"194\" itemprop=\"http:\/\/schema.org\/image\" title=\"Capture d\u2019e\u0301cran, le 2025-04-17 a\u0300 15.38.26\" alt=\"Capture d\u2019e\u0301cran, le 2025-04-17 a\u0300 15.38.26\" style=\"width: 346px; height: 194px;\" \/> <\/a> <\/div> <\/div> <!-- close group --> <div class=\"gallery-group images-1\" style=\"width: 350px; height: 198px;\" data-original-width=\"350\" data-original-height=\"198\" > <div class=\"tiled-gallery-item tiled-gallery-item-large\" itemprop=\"associatedMedia\" itemscope itemtype=\"http:\/\/schema.org\/ImageObject\"> <a href=\"https:\/\/itayachtscanada.com\/fr\/listing\/azimut-grande-27-metri-2021-5644000-usd-for-sale\/capture-decran-le-2025-04-17-a-15-38-19\/\" border=\"0\" itemprop=\"url\"> <meta itemprop=\"width\" content=\"346\"> <meta itemprop=\"height\" content=\"194\"> <img decoding=\"async\" class=\"\" data-attachment-id=\"218736\" data-orig-file=\"https:\/\/itayachtscanada.com\/wp-content\/uploads\/2025\/04\/Capture-decran-le-2025-04-17-a-15.38.19.jpg\" data-orig-size=\"1734,974\" data-comments-opened=\"1\" data-image-meta=\"{&quot;aperture&quot;:&quot;0&quot;,&quot;credit&quot;:&quot;&quot;,&quot;camera&quot;:&quot;&quot;,&quot;caption&quot;:&quot;&quot;,&quot;created_timestamp&quot;:&quot;0&quot;,&quot;copyright&quot;:&quot;&quot;,&quot;focal_length&quot;:&quot;0&quot;,&quot;iso&quot;:&quot;0&quot;,&quot;shutter_speed&quot;:&quot;0&quot;,&quot;title&quot;:&quot;&quot;,&quot;orientation&quot;:&quot;0&quot;}\" data-image-title=\"Capture d\u2019e\u0301cran, le 2025-04-17 a\u0300 15.38.19\" data-image-description=\"\" data-medium-file=\"https:\/\/i0.wp.com\/itayachtscanada.com\/wp-content\/uploads\/2025\/04\/Capture-decran-le-2025-04-17-a-15.38.19.jpg?fit=300%2C169&#038;ssl=1\" data-large-file=\"https:\/\/i0.wp.com\/itayachtscanada.com\/wp-content\/uploads\/2025\/04\/Capture-decran-le-2025-04-17-a-15.38.19.jpg?fit=700%2C393&#038;ssl=1\" src=\"https:\/\/i0.wp.com\/itayachtscanada.com\/wp-content\/uploads\/2025\/04\/Capture-decran-le-2025-04-17-a-15.38.19.jpg?w=346&#038;h=194&#038;ssl=1\" srcset=\"https:\/\/i0.wp.com\/itayachtscanada.com\/wp-content\/uploads\/2025\/04\/Capture-decran-le-2025-04-17-a-15.38.19.jpg?w=1734&amp;ssl=1 1734w, https:\/\/i0.wp.com\/itayachtscanada.com\/wp-content\/uploads\/2025\/04\/Capture-decran-le-2025-04-17-a-15.38.19.jpg?resize=300%2C169&amp;ssl=1 300w, https:\/\/i0.wp.com\/itayachtscanada.com\/wp-content\/uploads\/2025\/04\/Capture-decran-le-2025-04-17-a-15.38.19.jpg?resize=1024%2C575&amp;ssl=1 1024w, https:\/\/i0.wp.com\/itayachtscanada.com\/wp-content\/uploads\/2025\/04\/Capture-decran-le-2025-04-17-a-15.38.19.jpg?resize=768%2C431&amp;ssl=1 768w, https:\/\/i0.wp.com\/itayachtscanada.com\/wp-content\/uploads\/2025\/04\/Capture-decran-le-2025-04-17-a-15.38.19.jpg?resize=1536%2C863&amp;ssl=1 1536w, https:\/\/i0.wp.com\/itayachtscanada.com\/wp-content\/uploads\/2025\/04\/Capture-decran-le-2025-04-17-a-15.38.19.jpg?resize=700%2C393&amp;ssl=1 700w, https:\/\/i0.wp.com\/itayachtscanada.com\/wp-content\/uploads\/2025\/04\/Capture-decran-le-2025-04-17-a-15.38.19.jpg?resize=712%2C400&amp;ssl=1 712w, https:\/\/i0.wp.com\/itayachtscanada.com\/wp-content\/uploads\/2025\/04\/Capture-decran-le-2025-04-17-a-15.38.19.jpg?w=1400&amp;ssl=1 1400w\" width=\"346\" height=\"194\" loading=\"lazy\" data-original-width=\"346\" data-original-height=\"194\" itemprop=\"http:\/\/schema.org\/image\" title=\"Capture d\u2019e\u0301cran, le 2025-04-17 a\u0300 15.38.19\" alt=\"Capture d\u2019e\u0301cran, le 2025-04-17 a\u0300 15.38.19\" style=\"width: 346px; height: 194px;\" \/> <\/a> <\/div> <\/div> <!-- close group --> <\/div> <!-- close row --> <div class=\"gallery-row\" style=\"width: 700px; height: 198px;\" data-original-width=\"700\" data-original-height=\"198\" > <div class=\"gallery-group images-1\" style=\"width: 350px; height: 198px;\" data-original-width=\"350\" data-original-height=\"198\" > <div class=\"tiled-gallery-item tiled-gallery-item-large\" itemprop=\"associatedMedia\" itemscope itemtype=\"http:\/\/schema.org\/ImageObject\"> <a href=\"https:\/\/itayachtscanada.com\/fr\/listing\/azimut-grande-27-metri-2021-5644000-usd-for-sale\/capture-decran-le-2025-04-17-a-15-38-16\/\" border=\"0\" itemprop=\"url\"> <meta itemprop=\"width\" content=\"346\"> <meta itemprop=\"height\" content=\"194\"> <img decoding=\"async\" class=\"\" data-attachment-id=\"218737\" data-orig-file=\"https:\/\/itayachtscanada.com\/wp-content\/uploads\/2025\/04\/Capture-decran-le-2025-04-17-a-15.38.16.jpg\" data-orig-size=\"1734,974\" data-comments-opened=\"1\" data-image-meta=\"{&quot;aperture&quot;:&quot;0&quot;,&quot;credit&quot;:&quot;&quot;,&quot;camera&quot;:&quot;&quot;,&quot;caption&quot;:&quot;&quot;,&quot;created_timestamp&quot;:&quot;0&quot;,&quot;copyright&quot;:&quot;&quot;,&quot;focal_length&quot;:&quot;0&quot;,&quot;iso&quot;:&quot;0&quot;,&quot;shutter_speed&quot;:&quot;0&quot;,&quot;title&quot;:&quot;&quot;,&quot;orientation&quot;:&quot;0&quot;}\" data-image-title=\"Capture d\u2019e\u0301cran, le 2025-04-17 a\u0300 15.38.16\" data-image-description=\"\" data-medium-file=\"https:\/\/i0.wp.com\/itayachtscanada.com\/wp-content\/uploads\/2025\/04\/Capture-decran-le-2025-04-17-a-15.38.16.jpg?fit=300%2C169&#038;ssl=1\" data-large-file=\"https:\/\/i0.wp.com\/itayachtscanada.com\/wp-content\/uploads\/2025\/04\/Capture-decran-le-2025-04-17-a-15.38.16.jpg?fit=700%2C393&#038;ssl=1\" src=\"https:\/\/i0.wp.com\/itayachtscanada.com\/wp-content\/uploads\/2025\/04\/Capture-decran-le-2025-04-17-a-15.38.16.jpg?w=346&#038;h=194&#038;ssl=1\" srcset=\"https:\/\/i0.wp.com\/itayachtscanada.com\/wp-content\/uploads\/2025\/04\/Capture-decran-le-2025-04-17-a-15.38.16.jpg?w=1734&amp;ssl=1 1734w, https:\/\/i0.wp.com\/itayachtscanada.com\/wp-content\/uploads\/2025\/04\/Capture-decran-le-2025-04-17-a-15.38.16.jpg?resize=300%2C169&amp;ssl=1 300w, https:\/\/i0.wp.com\/itayachtscanada.com\/wp-content\/uploads\/2025\/04\/Capture-decran-le-2025-04-17-a-15.38.16.jpg?resize=1024%2C575&amp;ssl=1 1024w, https:\/\/i0.wp.com\/itayachtscanada.com\/wp-content\/uploads\/2025\/04\/Capture-decran-le-2025-04-17-a-15.38.16.jpg?resize=768%2C431&amp;ssl=1 768w, https:\/\/i0.wp.com\/itayachtscanada.com\/wp-content\/uploads\/2025\/04\/Capture-decran-le-2025-04-17-a-15.38.16.jpg?resize=1536%2C863&amp;ssl=1 1536w, https:\/\/i0.wp.com\/itayachtscanada.com\/wp-content\/uploads\/2025\/04\/Capture-decran-le-2025-04-17-a-15.38.16.jpg?resize=700%2C393&amp;ssl=1 700w, https:\/\/i0.wp.com\/itayachtscanada.com\/wp-content\/uploads\/2025\/04\/Capture-decran-le-2025-04-17-a-15.38.16.jpg?resize=712%2C400&amp;ssl=1 712w, https:\/\/i0.wp.com\/itayachtscanada.com\/wp-content\/uploads\/2025\/04\/Capture-decran-le-2025-04-17-a-15.38.16.jpg?w=1400&amp;ssl=1 1400w\" width=\"346\" height=\"194\" loading=\"lazy\" data-original-width=\"346\" data-original-height=\"194\" itemprop=\"http:\/\/schema.org\/image\" title=\"Capture d\u2019e\u0301cran, le 2025-04-17 a\u0300 15.38.16\" alt=\"Capture d\u2019e\u0301cran, le 2025-04-17 a\u0300 15.38.16\" style=\"width: 346px; height: 194px;\" \/> <\/a> <\/div> <\/div> <!-- close group --> <div class=\"gallery-group images-1\" style=\"width: 350px; height: 198px;\" data-original-width=\"350\" data-original-height=\"198\" > <div class=\"tiled-gallery-item tiled-gallery-item-large\" itemprop=\"associatedMedia\" itemscope itemtype=\"http:\/\/schema.org\/ImageObject\"> <a href=\"https:\/\/itayachtscanada.com\/fr\/listing\/azimut-grande-27-metri-2021-5644000-usd-for-sale\/capture-decran-le-2025-04-17-a-15-38-00\/\" border=\"0\" itemprop=\"url\"> <meta itemprop=\"width\" content=\"346\"> <meta itemprop=\"height\" content=\"194\"> <img decoding=\"async\" class=\"\" data-attachment-id=\"218742\" data-orig-file=\"https:\/\/itayachtscanada.com\/wp-content\/uploads\/2025\/04\/Capture-decran-le-2025-04-17-a-15.38.00.jpg\" data-orig-size=\"1734,974\" data-comments-opened=\"1\" data-image-meta=\"{&quot;aperture&quot;:&quot;0&quot;,&quot;credit&quot;:&quot;&quot;,&quot;camera&quot;:&quot;&quot;,&quot;caption&quot;:&quot;&quot;,&quot;created_timestamp&quot;:&quot;0&quot;,&quot;copyright&quot;:&quot;&quot;,&quot;focal_length&quot;:&quot;0&quot;,&quot;iso&quot;:&quot;0&quot;,&quot;shutter_speed&quot;:&quot;0&quot;,&quot;title&quot;:&quot;&quot;,&quot;orientation&quot;:&quot;0&quot;}\" data-image-title=\"Capture d\u2019e\u0301cran, le 2025-04-17 a\u0300 15.38.00\" data-image-description=\"\" data-medium-file=\"https:\/\/i0.wp.com\/itayachtscanada.com\/wp-content\/uploads\/2025\/04\/Capture-decran-le-2025-04-17-a-15.38.00.jpg?fit=300%2C169&#038;ssl=1\" data-large-file=\"https:\/\/i0.wp.com\/itayachtscanada.com\/wp-content\/uploads\/2025\/04\/Capture-decran-le-2025-04-17-a-15.38.00.jpg?fit=700%2C393&#038;ssl=1\" src=\"https:\/\/i0.wp.com\/itayachtscanada.com\/wp-content\/uploads\/2025\/04\/Capture-decran-le-2025-04-17-a-15.38.00.jpg?w=346&#038;h=194&#038;ssl=1\" srcset=\"https:\/\/i0.wp.com\/itayachtscanada.com\/wp-content\/uploads\/2025\/04\/Capture-decran-le-2025-04-17-a-15.38.00.jpg?w=1734&amp;ssl=1 1734w, https:\/\/i0.wp.com\/itayachtscanada.com\/wp-content\/uploads\/2025\/04\/Capture-decran-le-2025-04-17-a-15.38.00.jpg?resize=300%2C169&amp;ssl=1 300w, https:\/\/i0.wp.com\/itayachtscanada.com\/wp-content\/uploads\/2025\/04\/Capture-decran-le-2025-04-17-a-15.38.00.jpg?resize=1024%2C575&amp;ssl=1 1024w, https:\/\/i0.wp.com\/itayachtscanada.com\/wp-content\/uploads\/2025\/04\/Capture-decran-le-2025-04-17-a-15.38.00.jpg?resize=768%2C431&amp;ssl=1 768w, https:\/\/i0.wp.com\/itayachtscanada.com\/wp-content\/uploads\/2025\/04\/Capture-decran-le-2025-04-17-a-15.38.00.jpg?resize=1536%2C863&amp;ssl=1 1536w, https:\/\/i0.wp.com\/itayachtscanada.com\/wp-content\/uploads\/2025\/04\/Capture-decran-le-2025-04-17-a-15.38.00.jpg?resize=700%2C393&amp;ssl=1 700w, https:\/\/i0.wp.com\/itayachtscanada.com\/wp-content\/uploads\/2025\/04\/Capture-decran-le-2025-04-17-a-15.38.00.jpg?resize=712%2C400&amp;ssl=1 712w, https:\/\/i0.wp.com\/itayachtscanada.com\/wp-content\/uploads\/2025\/04\/Capture-decran-le-2025-04-17-a-15.38.00.jpg?w=1400&amp;ssl=1 1400w\" width=\"346\" height=\"194\" loading=\"lazy\" data-original-width=\"346\" data-original-height=\"194\" itemprop=\"http:\/\/schema.org\/image\" title=\"Capture d\u2019e\u0301cran, le 2025-04-17 a\u0300 15.38.00\" alt=\"Capture d\u2019e\u0301cran, le 2025-04-17 a\u0300 15.38.00\" style=\"width: 346px; height: 194px;\" \/> <\/a> <\/div> <\/div> <!-- close group --> <\/div> <!-- close row --> <div class=\"gallery-row\" style=\"width: 700px; height: 198px;\" data-original-width=\"700\" data-original-height=\"198\" > <div class=\"gallery-group images-1\" style=\"width: 350px; height: 198px;\" data-original-width=\"350\" data-original-height=\"198\" > <div class=\"tiled-gallery-item tiled-gallery-item-large\" itemprop=\"associatedMedia\" itemscope itemtype=\"http:\/\/schema.org\/ImageObject\"> <a href=\"https:\/\/itayachtscanada.com\/fr\/listing\/azimut-grande-27-metri-2021-5644000-usd-for-sale\/capture-decran-le-2025-04-17-a-15-37-57\/\" border=\"0\" itemprop=\"url\"> <meta itemprop=\"width\" content=\"346\"> <meta itemprop=\"height\" content=\"194\"> <img decoding=\"async\" class=\"\" data-attachment-id=\"218743\" data-orig-file=\"https:\/\/itayachtscanada.com\/wp-content\/uploads\/2025\/04\/Capture-decran-le-2025-04-17-a-15.37.57.jpg\" data-orig-size=\"1734,974\" data-comments-opened=\"1\" data-image-meta=\"{&quot;aperture&quot;:&quot;0&quot;,&quot;credit&quot;:&quot;&quot;,&quot;camera&quot;:&quot;&quot;,&quot;caption&quot;:&quot;&quot;,&quot;created_timestamp&quot;:&quot;0&quot;,&quot;copyright&quot;:&quot;&quot;,&quot;focal_length&quot;:&quot;0&quot;,&quot;iso&quot;:&quot;0&quot;,&quot;shutter_speed&quot;:&quot;0&quot;,&quot;title&quot;:&quot;&quot;,&quot;orientation&quot;:&quot;0&quot;}\" data-image-title=\"Capture d\u2019e\u0301cran, le 2025-04-17 a\u0300 15.37.57\" data-image-description=\"\" data-medium-file=\"https:\/\/i0.wp.com\/itayachtscanada.com\/wp-content\/uploads\/2025\/04\/Capture-decran-le-2025-04-17-a-15.37.57.jpg?fit=300%2C169&#038;ssl=1\" data-large-file=\"https:\/\/i0.wp.com\/itayachtscanada.com\/wp-content\/uploads\/2025\/04\/Capture-decran-le-2025-04-17-a-15.37.57.jpg?fit=700%2C393&#038;ssl=1\" src=\"https:\/\/i0.wp.com\/itayachtscanada.com\/wp-content\/uploads\/2025\/04\/Capture-decran-le-2025-04-17-a-15.37.57.jpg?w=346&#038;h=194&#038;ssl=1\" srcset=\"https:\/\/i0.wp.com\/itayachtscanada.com\/wp-content\/uploads\/2025\/04\/Capture-decran-le-2025-04-17-a-15.37.57.jpg?w=1734&amp;ssl=1 1734w, https:\/\/i0.wp.com\/itayachtscanada.com\/wp-content\/uploads\/2025\/04\/Capture-decran-le-2025-04-17-a-15.37.57.jpg?resize=300%2C169&amp;ssl=1 300w, https:\/\/i0.wp.com\/itayachtscanada.com\/wp-content\/uploads\/2025\/04\/Capture-decran-le-2025-04-17-a-15.37.57.jpg?resize=1024%2C575&amp;ssl=1 1024w, https:\/\/i0.wp.com\/itayachtscanada.com\/wp-content\/uploads\/2025\/04\/Capture-decran-le-2025-04-17-a-15.37.57.jpg?resize=768%2C431&amp;ssl=1 768w, https:\/\/i0.wp.com\/itayachtscanada.com\/wp-content\/uploads\/2025\/04\/Capture-decran-le-2025-04-17-a-15.37.57.jpg?resize=1536%2C863&amp;ssl=1 1536w, https:\/\/i0.wp.com\/itayachtscanada.com\/wp-content\/uploads\/2025\/04\/Capture-decran-le-2025-04-17-a-15.37.57.jpg?resize=700%2C393&amp;ssl=1 700w, https:\/\/i0.wp.com\/itayachtscanada.com\/wp-content\/uploads\/2025\/04\/Capture-decran-le-2025-04-17-a-15.37.57.jpg?resize=712%2C400&amp;ssl=1 712w, https:\/\/i0.wp.com\/itayachtscanada.com\/wp-content\/uploads\/2025\/04\/Capture-decran-le-2025-04-17-a-15.37.57.jpg?w=1400&amp;ssl=1 1400w\" width=\"346\" height=\"194\" loading=\"lazy\" data-original-width=\"346\" data-original-height=\"194\" itemprop=\"http:\/\/schema.org\/image\" title=\"Capture d\u2019e\u0301cran, le 2025-04-17 a\u0300 15.37.57\" alt=\"Capture d\u2019e\u0301cran, le 2025-04-17 a\u0300 15.37.57\" style=\"width: 346px; height: 194px;\" \/> <\/a> <\/div> <\/div> <!-- close group --> <div class=\"gallery-group images-1\" style=\"width: 350px; height: 198px;\" data-original-width=\"350\" data-original-height=\"198\" > <div class=\"tiled-gallery-item tiled-gallery-item-large\" itemprop=\"associatedMedia\" itemscope itemtype=\"http:\/\/schema.org\/ImageObject\"> <a href=\"https:\/\/itayachtscanada.com\/fr\/listing\/azimut-grande-27-metri-2021-5644000-usd-for-sale\/capture-decran-le-2025-04-17-a-15-38-37\/\" border=\"0\" itemprop=\"url\"> <meta itemprop=\"width\" content=\"346\"> <meta itemprop=\"height\" content=\"194\"> <img decoding=\"async\" class=\"\" data-attachment-id=\"218731\" data-orig-file=\"https:\/\/itayachtscanada.com\/wp-content\/uploads\/2025\/04\/Capture-decran-le-2025-04-17-a-15.38.37.jpg\" data-orig-size=\"1734,974\" data-comments-opened=\"1\" data-image-meta=\"{&quot;aperture&quot;:&quot;0&quot;,&quot;credit&quot;:&quot;&quot;,&quot;camera&quot;:&quot;&quot;,&quot;caption&quot;:&quot;&quot;,&quot;created_timestamp&quot;:&quot;0&quot;,&quot;copyright&quot;:&quot;&quot;,&quot;focal_length&quot;:&quot;0&quot;,&quot;iso&quot;:&quot;0&quot;,&quot;shutter_speed&quot;:&quot;0&quot;,&quot;title&quot;:&quot;&quot;,&quot;orientation&quot;:&quot;0&quot;}\" data-image-title=\"Capture d\u2019e\u0301cran, le 2025-04-17 a\u0300 15.38.37\" data-image-description=\"\" data-medium-file=\"https:\/\/i0.wp.com\/itayachtscanada.com\/wp-content\/uploads\/2025\/04\/Capture-decran-le-2025-04-17-a-15.38.37.jpg?fit=300%2C169&#038;ssl=1\" data-large-file=\"https:\/\/i0.wp.com\/itayachtscanada.com\/wp-content\/uploads\/2025\/04\/Capture-decran-le-2025-04-17-a-15.38.37.jpg?fit=700%2C393&#038;ssl=1\" src=\"https:\/\/i0.wp.com\/itayachtscanada.com\/wp-content\/uploads\/2025\/04\/Capture-decran-le-2025-04-17-a-15.38.37.jpg?w=346&#038;h=194&#038;ssl=1\" srcset=\"https:\/\/i0.wp.com\/itayachtscanada.com\/wp-content\/uploads\/2025\/04\/Capture-decran-le-2025-04-17-a-15.38.37.jpg?w=1734&amp;ssl=1 1734w, https:\/\/i0.wp.com\/itayachtscanada.com\/wp-content\/uploads\/2025\/04\/Capture-decran-le-2025-04-17-a-15.38.37.jpg?resize=300%2C169&amp;ssl=1 300w, https:\/\/i0.wp.com\/itayachtscanada.com\/wp-content\/uploads\/2025\/04\/Capture-decran-le-2025-04-17-a-15.38.37.jpg?resize=1024%2C575&amp;ssl=1 1024w, https:\/\/i0.wp.com\/itayachtscanada.com\/wp-content\/uploads\/2025\/04\/Capture-decran-le-2025-04-17-a-15.38.37.jpg?resize=768%2C431&amp;ssl=1 768w, https:\/\/i0.wp.com\/itayachtscanada.com\/wp-content\/uploads\/2025\/04\/Capture-decran-le-2025-04-17-a-15.38.37.jpg?resize=1536%2C863&amp;ssl=1 1536w, https:\/\/i0.wp.com\/itayachtscanada.com\/wp-content\/uploads\/2025\/04\/Capture-decran-le-2025-04-17-a-15.38.37.jpg?resize=700%2C393&amp;ssl=1 700w, https:\/\/i0.wp.com\/itayachtscanada.com\/wp-content\/uploads\/2025\/04\/Capture-decran-le-2025-04-17-a-15.38.37.jpg?resize=712%2C400&amp;ssl=1 712w, https:\/\/i0.wp.com\/itayachtscanada.com\/wp-content\/uploads\/2025\/04\/Capture-decran-le-2025-04-17-a-15.38.37.jpg?w=1400&amp;ssl=1 1400w\" width=\"346\" height=\"194\" loading=\"lazy\" data-original-width=\"346\" data-original-height=\"194\" itemprop=\"http:\/\/schema.org\/image\" title=\"Capture d\u2019e\u0301cran, le 2025-04-17 a\u0300 15.38.37\" alt=\"Capture d\u2019e\u0301cran, le 2025-04-17 a\u0300 15.38.37\" style=\"width: 346px; height: 194px;\" \/> <\/a> <\/div> <\/div> <!-- close group --> <\/div> <!-- close row --> <div class=\"gallery-row\" style=\"width: 700px; height: 198px;\" data-original-width=\"700\" data-original-height=\"198\" > <div class=\"gallery-group images-1\" style=\"width: 350px; height: 198px;\" data-original-width=\"350\" data-original-height=\"198\" > <div class=\"tiled-gallery-item tiled-gallery-item-large\" itemprop=\"associatedMedia\" itemscope itemtype=\"http:\/\/schema.org\/ImageObject\"> <a href=\"https:\/\/itayachtscanada.com\/fr\/listing\/azimut-grande-27-metri-2021-5644000-usd-for-sale\/capture-decran-le-2025-04-17-a-15-38-40\/\" border=\"0\" itemprop=\"url\"> <meta itemprop=\"width\" content=\"346\"> <meta itemprop=\"height\" content=\"194\"> <img decoding=\"async\" class=\"\" data-attachment-id=\"218730\" data-orig-file=\"https:\/\/itayachtscanada.com\/wp-content\/uploads\/2025\/04\/Capture-decran-le-2025-04-17-a-15.38.40.jpg\" data-orig-size=\"1734,974\" data-comments-opened=\"1\" data-image-meta=\"{&quot;aperture&quot;:&quot;0&quot;,&quot;credit&quot;:&quot;&quot;,&quot;camera&quot;:&quot;&quot;,&quot;caption&quot;:&quot;&quot;,&quot;created_timestamp&quot;:&quot;0&quot;,&quot;copyright&quot;:&quot;&quot;,&quot;focal_length&quot;:&quot;0&quot;,&quot;iso&quot;:&quot;0&quot;,&quot;shutter_speed&quot;:&quot;0&quot;,&quot;title&quot;:&quot;&quot;,&quot;orientation&quot;:&quot;0&quot;}\" data-image-title=\"Capture d\u2019e\u0301cran, le 2025-04-17 a\u0300 15.38.40\" data-image-description=\"\" data-medium-file=\"https:\/\/i0.wp.com\/itayachtscanada.com\/wp-content\/uploads\/2025\/04\/Capture-decran-le-2025-04-17-a-15.38.40.jpg?fit=300%2C169&#038;ssl=1\" data-large-file=\"https:\/\/i0.wp.com\/itayachtscanada.com\/wp-content\/uploads\/2025\/04\/Capture-decran-le-2025-04-17-a-15.38.40.jpg?fit=700%2C393&#038;ssl=1\" src=\"https:\/\/i0.wp.com\/itayachtscanada.com\/wp-content\/uploads\/2025\/04\/Capture-decran-le-2025-04-17-a-15.38.40.jpg?w=346&#038;h=194&#038;ssl=1\" srcset=\"https:\/\/i0.wp.com\/itayachtscanada.com\/wp-content\/uploads\/2025\/04\/Capture-decran-le-2025-04-17-a-15.38.40.jpg?w=1734&amp;ssl=1 1734w, https:\/\/i0.wp.com\/itayachtscanada.com\/wp-content\/uploads\/2025\/04\/Capture-decran-le-2025-04-17-a-15.38.40.jpg?resize=300%2C169&amp;ssl=1 300w, https:\/\/i0.wp.com\/itayachtscanada.com\/wp-content\/uploads\/2025\/04\/Capture-decran-le-2025-04-17-a-15.38.40.jpg?resize=1024%2C575&amp;ssl=1 1024w, https:\/\/i0.wp.com\/itayachtscanada.com\/wp-content\/uploads\/2025\/04\/Capture-decran-le-2025-04-17-a-15.38.40.jpg?resize=768%2C431&amp;ssl=1 768w, https:\/\/i0.wp.com\/itayachtscanada.com\/wp-content\/uploads\/2025\/04\/Capture-decran-le-2025-04-17-a-15.38.40.jpg?resize=1536%2C863&amp;ssl=1 1536w, https:\/\/i0.wp.com\/itayachtscanada.com\/wp-content\/uploads\/2025\/04\/Capture-decran-le-2025-04-17-a-15.38.40.jpg?resize=700%2C393&amp;ssl=1 700w, https:\/\/i0.wp.com\/itayachtscanada.com\/wp-content\/uploads\/2025\/04\/Capture-decran-le-2025-04-17-a-15.38.40.jpg?resize=712%2C400&amp;ssl=1 712w, https:\/\/i0.wp.com\/itayachtscanada.com\/wp-content\/uploads\/2025\/04\/Capture-decran-le-2025-04-17-a-15.38.40.jpg?w=1400&amp;ssl=1 1400w\" width=\"346\" height=\"194\" loading=\"lazy\" data-original-width=\"346\" data-original-height=\"194\" itemprop=\"http:\/\/schema.org\/image\" title=\"Capture d\u2019e\u0301cran, le 2025-04-17 a\u0300 15.38.40\" alt=\"Capture d\u2019e\u0301cran, le 2025-04-17 a\u0300 15.38.40\" style=\"width: 346px; height: 194px;\" \/> <\/a> <\/div> <\/div> <!-- close group --> <div class=\"gallery-group images-1\" style=\"width: 350px; height: 198px;\" data-original-width=\"350\" data-original-height=\"198\" > <div class=\"tiled-gallery-item tiled-gallery-item-large\" itemprop=\"associatedMedia\" itemscope itemtype=\"http:\/\/schema.org\/ImageObject\"> <a href=\"https:\/\/itayachtscanada.com\/fr\/listing\/azimut-grande-27-metri-2021-5644000-usd-for-sale\/capture-decran-le-2025-04-17-a-15-37-54\/\" border=\"0\" itemprop=\"url\"> <meta itemprop=\"width\" content=\"346\"> <meta itemprop=\"height\" content=\"194\"> <img decoding=\"async\" class=\"\" data-attachment-id=\"218744\" data-orig-file=\"https:\/\/itayachtscanada.com\/wp-content\/uploads\/2025\/04\/Capture-decran-le-2025-04-17-a-15.37.54.jpg\" data-orig-size=\"1734,974\" data-comments-opened=\"1\" data-image-meta=\"{&quot;aperture&quot;:&quot;0&quot;,&quot;credit&quot;:&quot;&quot;,&quot;camera&quot;:&quot;&quot;,&quot;caption&quot;:&quot;&quot;,&quot;created_timestamp&quot;:&quot;0&quot;,&quot;copyright&quot;:&quot;&quot;,&quot;focal_length&quot;:&quot;0&quot;,&quot;iso&quot;:&quot;0&quot;,&quot;shutter_speed&quot;:&quot;0&quot;,&quot;title&quot;:&quot;&quot;,&quot;orientation&quot;:&quot;0&quot;}\" data-image-title=\"Capture d\u2019e\u0301cran, le 2025-04-17 a\u0300 15.37.54\" data-image-description=\"\" data-medium-file=\"https:\/\/i0.wp.com\/itayachtscanada.com\/wp-content\/uploads\/2025\/04\/Capture-decran-le-2025-04-17-a-15.37.54.jpg?fit=300%2C169&#038;ssl=1\" data-large-file=\"https:\/\/i0.wp.com\/itayachtscanada.com\/wp-content\/uploads\/2025\/04\/Capture-decran-le-2025-04-17-a-15.37.54.jpg?fit=700%2C393&#038;ssl=1\" src=\"https:\/\/i0.wp.com\/itayachtscanada.com\/wp-content\/uploads\/2025\/04\/Capture-decran-le-2025-04-17-a-15.37.54.jpg?w=346&#038;h=194&#038;ssl=1\" srcset=\"https:\/\/i0.wp.com\/itayachtscanada.com\/wp-content\/uploads\/2025\/04\/Capture-decran-le-2025-04-17-a-15.37.54.jpg?w=1734&amp;ssl=1 1734w, https:\/\/i0.wp.com\/itayachtscanada.com\/wp-content\/uploads\/2025\/04\/Capture-decran-le-2025-04-17-a-15.37.54.jpg?resize=300%2C169&amp;ssl=1 300w, https:\/\/i0.wp.com\/itayachtscanada.com\/wp-content\/uploads\/2025\/04\/Capture-decran-le-2025-04-17-a-15.37.54.jpg?resize=1024%2C575&amp;ssl=1 1024w, https:\/\/i0.wp.com\/itayachtscanada.com\/wp-content\/uploads\/2025\/04\/Capture-decran-le-2025-04-17-a-15.37.54.jpg?resize=768%2C431&amp;ssl=1 768w, https:\/\/i0.wp.com\/itayachtscanada.com\/wp-content\/uploads\/2025\/04\/Capture-decran-le-2025-04-17-a-15.37.54.jpg?resize=1536%2C863&amp;ssl=1 1536w, https:\/\/i0.wp.com\/itayachtscanada.com\/wp-content\/uploads\/2025\/04\/Capture-decran-le-2025-04-17-a-15.37.54.jpg?resize=700%2C393&amp;ssl=1 700w, https:\/\/i0.wp.com\/itayachtscanada.com\/wp-content\/uploads\/2025\/04\/Capture-decran-le-2025-04-17-a-15.37.54.jpg?resize=712%2C400&amp;ssl=1 712w, https:\/\/i0.wp.com\/itayachtscanada.com\/wp-content\/uploads\/2025\/04\/Capture-decran-le-2025-04-17-a-15.37.54.jpg?w=1400&amp;ssl=1 1400w\" width=\"346\" height=\"194\" loading=\"lazy\" data-original-width=\"346\" data-original-height=\"194\" itemprop=\"http:\/\/schema.org\/image\" title=\"Capture d\u2019e\u0301cran, le 2025-04-17 a\u0300 15.37.54\" alt=\"Capture d\u2019e\u0301cran, le 2025-04-17 a\u0300 15.37.54\" style=\"width: 346px; height: 194px;\" \/> <\/a> <\/div> <\/div> <!-- close group --> <\/div> <!-- close row --> <div class=\"gallery-row\" style=\"width: 700px; height: 198px;\" data-original-width=\"700\" data-original-height=\"198\" > <div class=\"gallery-group images-1\" style=\"width: 350px; height: 198px;\" data-original-width=\"350\" data-original-height=\"198\" > <div class=\"tiled-gallery-item tiled-gallery-item-large\" itemprop=\"associatedMedia\" itemscope itemtype=\"http:\/\/schema.org\/ImageObject\"> <a href=\"https:\/\/itayachtscanada.com\/fr\/listing\/azimut-grande-27-metri-2021-5644000-usd-for-sale\/capture-decran-le-2025-04-17-a-15-37-52\/\" border=\"0\" itemprop=\"url\"> <meta itemprop=\"width\" content=\"346\"> <meta itemprop=\"height\" content=\"194\"> <img decoding=\"async\" class=\"\" data-attachment-id=\"218745\" data-orig-file=\"https:\/\/itayachtscanada.com\/wp-content\/uploads\/2025\/04\/Capture-decran-le-2025-04-17-a-15.37.52.jpg\" data-orig-size=\"1734,974\" data-comments-opened=\"1\" data-image-meta=\"{&quot;aperture&quot;:&quot;0&quot;,&quot;credit&quot;:&quot;&quot;,&quot;camera&quot;:&quot;&quot;,&quot;caption&quot;:&quot;&quot;,&quot;created_timestamp&quot;:&quot;0&quot;,&quot;copyright&quot;:&quot;&quot;,&quot;focal_length&quot;:&quot;0&quot;,&quot;iso&quot;:&quot;0&quot;,&quot;shutter_speed&quot;:&quot;0&quot;,&quot;title&quot;:&quot;&quot;,&quot;orientation&quot;:&quot;0&quot;}\" data-image-title=\"Capture d\u2019e\u0301cran, le 2025-04-17 a\u0300 15.37.52\" data-image-description=\"\" data-medium-file=\"https:\/\/i0.wp.com\/itayachtscanada.com\/wp-content\/uploads\/2025\/04\/Capture-decran-le-2025-04-17-a-15.37.52.jpg?fit=300%2C169&#038;ssl=1\" data-large-file=\"https:\/\/i0.wp.com\/itayachtscanada.com\/wp-content\/uploads\/2025\/04\/Capture-decran-le-2025-04-17-a-15.37.52.jpg?fit=700%2C393&#038;ssl=1\" src=\"https:\/\/i0.wp.com\/itayachtscanada.com\/wp-content\/uploads\/2025\/04\/Capture-decran-le-2025-04-17-a-15.37.52.jpg?w=346&#038;h=194&#038;ssl=1\" srcset=\"https:\/\/i0.wp.com\/itayachtscanada.com\/wp-content\/uploads\/2025\/04\/Capture-decran-le-2025-04-17-a-15.37.52.jpg?w=1734&amp;ssl=1 1734w, https:\/\/i0.wp.com\/itayachtscanada.com\/wp-content\/uploads\/2025\/04\/Capture-decran-le-2025-04-17-a-15.37.52.jpg?resize=300%2C169&amp;ssl=1 300w, https:\/\/i0.wp.com\/itayachtscanada.com\/wp-content\/uploads\/2025\/04\/Capture-decran-le-2025-04-17-a-15.37.52.jpg?resize=1024%2C575&amp;ssl=1 1024w, https:\/\/i0.wp.com\/itayachtscanada.com\/wp-content\/uploads\/2025\/04\/Capture-decran-le-2025-04-17-a-15.37.52.jpg?resize=768%2C431&amp;ssl=1 768w, https:\/\/i0.wp.com\/itayachtscanada.com\/wp-content\/uploads\/2025\/04\/Capture-decran-le-2025-04-17-a-15.37.52.jpg?resize=1536%2C863&amp;ssl=1 1536w, https:\/\/i0.wp.com\/itayachtscanada.com\/wp-content\/uploads\/2025\/04\/Capture-decran-le-2025-04-17-a-15.37.52.jpg?resize=700%2C393&amp;ssl=1 700w, https:\/\/i0.wp.com\/itayachtscanada.com\/wp-content\/uploads\/2025\/04\/Capture-decran-le-2025-04-17-a-15.37.52.jpg?resize=712%2C400&amp;ssl=1 712w, https:\/\/i0.wp.com\/itayachtscanada.com\/wp-content\/uploads\/2025\/04\/Capture-decran-le-2025-04-17-a-15.37.52.jpg?w=1400&amp;ssl=1 1400w\" width=\"346\" height=\"194\" loading=\"lazy\" data-original-width=\"346\" data-original-height=\"194\" itemprop=\"http:\/\/schema.org\/image\" title=\"Capture d\u2019e\u0301cran, le 2025-04-17 a\u0300 15.37.52\" alt=\"Capture d\u2019e\u0301cran, le 2025-04-17 a\u0300 15.37.52\" style=\"width: 346px; height: 194px;\" \/> <\/a> <\/div> <\/div> <!-- close group --> <div class=\"gallery-group images-1\" style=\"width: 350px; height: 198px;\" data-original-width=\"350\" data-original-height=\"198\" > <div class=\"tiled-gallery-item tiled-gallery-item-large\" itemprop=\"associatedMedia\" itemscope itemtype=\"http:\/\/schema.org\/ImageObject\"> <a href=\"https:\/\/itayachtscanada.com\/fr\/listing\/azimut-grande-27-metri-2021-5644000-usd-for-sale\/capture-decran-le-2025-04-17-a-15-37-49\/\" border=\"0\" itemprop=\"url\"> <meta itemprop=\"width\" content=\"346\"> <meta itemprop=\"height\" content=\"194\"> <img decoding=\"async\" class=\"\" data-attachment-id=\"218746\" data-orig-file=\"https:\/\/itayachtscanada.com\/wp-content\/uploads\/2025\/04\/Capture-decran-le-2025-04-17-a-15.37.49.jpg\" data-orig-size=\"1734,974\" data-comments-opened=\"1\" data-image-meta=\"{&quot;aperture&quot;:&quot;0&quot;,&quot;credit&quot;:&quot;&quot;,&quot;camera&quot;:&quot;&quot;,&quot;caption&quot;:&quot;&quot;,&quot;created_timestamp&quot;:&quot;0&quot;,&quot;copyright&quot;:&quot;&quot;,&quot;focal_length&quot;:&quot;0&quot;,&quot;iso&quot;:&quot;0&quot;,&quot;shutter_speed&quot;:&quot;0&quot;,&quot;title&quot;:&quot;&quot;,&quot;orientation&quot;:&quot;0&quot;}\" data-image-title=\"Capture d\u2019e\u0301cran, le 2025-04-17 a\u0300 15.37.49\" data-image-description=\"\" data-medium-file=\"https:\/\/i0.wp.com\/itayachtscanada.com\/wp-content\/uploads\/2025\/04\/Capture-decran-le-2025-04-17-a-15.37.49.jpg?fit=300%2C169&#038;ssl=1\" data-large-file=\"https:\/\/i0.wp.com\/itayachtscanada.com\/wp-content\/uploads\/2025\/04\/Capture-decran-le-2025-04-17-a-15.37.49.jpg?fit=700%2C393&#038;ssl=1\" src=\"https:\/\/i0.wp.com\/itayachtscanada.com\/wp-content\/uploads\/2025\/04\/Capture-decran-le-2025-04-17-a-15.37.49.jpg?w=346&#038;h=194&#038;ssl=1\" srcset=\"https:\/\/i0.wp.com\/itayachtscanada.com\/wp-content\/uploads\/2025\/04\/Capture-decran-le-2025-04-17-a-15.37.49.jpg?w=1734&amp;ssl=1 1734w, https:\/\/i0.wp.com\/itayachtscanada.com\/wp-content\/uploads\/2025\/04\/Capture-decran-le-2025-04-17-a-15.37.49.jpg?resize=300%2C169&amp;ssl=1 300w, https:\/\/i0.wp.com\/itayachtscanada.com\/wp-content\/uploads\/2025\/04\/Capture-decran-le-2025-04-17-a-15.37.49.jpg?resize=1024%2C575&amp;ssl=1 1024w, https:\/\/i0.wp.com\/itayachtscanada.com\/wp-content\/uploads\/2025\/04\/Capture-decran-le-2025-04-17-a-15.37.49.jpg?resize=768%2C431&amp;ssl=1 768w, https:\/\/i0.wp.com\/itayachtscanada.com\/wp-content\/uploads\/2025\/04\/Capture-decran-le-2025-04-17-a-15.37.49.jpg?resize=1536%2C863&amp;ssl=1 1536w, https:\/\/i0.wp.com\/itayachtscanada.com\/wp-content\/uploads\/2025\/04\/Capture-decran-le-2025-04-17-a-15.37.49.jpg?resize=700%2C393&amp;ssl=1 700w, https:\/\/i0.wp.com\/itayachtscanada.com\/wp-content\/uploads\/2025\/04\/Capture-decran-le-2025-04-17-a-15.37.49.jpg?resize=712%2C400&amp;ssl=1 712w, https:\/\/i0.wp.com\/itayachtscanada.com\/wp-content\/uploads\/2025\/04\/Capture-decran-le-2025-04-17-a-15.37.49.jpg?w=1400&amp;ssl=1 1400w\" width=\"346\" height=\"194\" loading=\"lazy\" data-original-width=\"346\" data-original-height=\"194\" itemprop=\"http:\/\/schema.org\/image\" title=\"Capture d\u2019e\u0301cran, le 2025-04-17 a\u0300 15.37.49\" alt=\"Capture d\u2019e\u0301cran, le 2025-04-17 a\u0300 15.37.49\" style=\"width: 346px; height: 194px;\" \/> <\/a> <\/div> <\/div> <!-- close group --> <\/div> <!-- close row --> <div class=\"gallery-row\" style=\"width: 700px; height: 198px;\" data-original-width=\"700\" data-original-height=\"198\" > <div class=\"gallery-group images-1\" style=\"width: 350px; height: 198px;\" data-original-width=\"350\" data-original-height=\"198\" > <div class=\"tiled-gallery-item tiled-gallery-item-large\" itemprop=\"associatedMedia\" itemscope itemtype=\"http:\/\/schema.org\/ImageObject\"> <a href=\"https:\/\/itayachtscanada.com\/fr\/listing\/azimut-grande-27-metri-2021-5644000-usd-for-sale\/capture-decran-le-2025-04-17-a-15-37-46\/\" border=\"0\" itemprop=\"url\"> <meta itemprop=\"width\" content=\"346\"> <meta itemprop=\"height\" content=\"194\"> <img decoding=\"async\" class=\"\" data-attachment-id=\"218747\" data-orig-file=\"https:\/\/itayachtscanada.com\/wp-content\/uploads\/2025\/04\/Capture-decran-le-2025-04-17-a-15.37.46.jpg\" data-orig-size=\"1734,974\" data-comments-opened=\"1\" data-image-meta=\"{&quot;aperture&quot;:&quot;0&quot;,&quot;credit&quot;:&quot;&quot;,&quot;camera&quot;:&quot;&quot;,&quot;caption&quot;:&quot;&quot;,&quot;created_timestamp&quot;:&quot;0&quot;,&quot;copyright&quot;:&quot;&quot;,&quot;focal_length&quot;:&quot;0&quot;,&quot;iso&quot;:&quot;0&quot;,&quot;shutter_speed&quot;:&quot;0&quot;,&quot;title&quot;:&quot;&quot;,&quot;orientation&quot;:&quot;0&quot;}\" data-image-title=\"Capture d\u2019e\u0301cran, le 2025-04-17 a\u0300 15.37.46\" data-image-description=\"\" data-medium-file=\"https:\/\/i0.wp.com\/itayachtscanada.com\/wp-content\/uploads\/2025\/04\/Capture-decran-le-2025-04-17-a-15.37.46.jpg?fit=300%2C169&#038;ssl=1\" data-large-file=\"https:\/\/i0.wp.com\/itayachtscanada.com\/wp-content\/uploads\/2025\/04\/Capture-decran-le-2025-04-17-a-15.37.46.jpg?fit=700%2C393&#038;ssl=1\" src=\"https:\/\/i0.wp.com\/itayachtscanada.com\/wp-content\/uploads\/2025\/04\/Capture-decran-le-2025-04-17-a-15.37.46.jpg?w=346&#038;h=194&#038;ssl=1\" srcset=\"https:\/\/i0.wp.com\/itayachtscanada.com\/wp-content\/uploads\/2025\/04\/Capture-decran-le-2025-04-17-a-15.37.46.jpg?w=1734&amp;ssl=1 1734w, https:\/\/i0.wp.com\/itayachtscanada.com\/wp-content\/uploads\/2025\/04\/Capture-decran-le-2025-04-17-a-15.37.46.jpg?resize=300%2C169&amp;ssl=1 300w, https:\/\/i0.wp.com\/itayachtscanada.com\/wp-content\/uploads\/2025\/04\/Capture-decran-le-2025-04-17-a-15.37.46.jpg?resize=1024%2C575&amp;ssl=1 1024w, https:\/\/i0.wp.com\/itayachtscanada.com\/wp-content\/uploads\/2025\/04\/Capture-decran-le-2025-04-17-a-15.37.46.jpg?resize=768%2C431&amp;ssl=1 768w, https:\/\/i0.wp.com\/itayachtscanada.com\/wp-content\/uploads\/2025\/04\/Capture-decran-le-2025-04-17-a-15.37.46.jpg?resize=1536%2C863&amp;ssl=1 1536w, https:\/\/i0.wp.com\/itayachtscanada.com\/wp-content\/uploads\/2025\/04\/Capture-decran-le-2025-04-17-a-15.37.46.jpg?resize=700%2C393&amp;ssl=1 700w, https:\/\/i0.wp.com\/itayachtscanada.com\/wp-content\/uploads\/2025\/04\/Capture-decran-le-2025-04-17-a-15.37.46.jpg?resize=712%2C400&amp;ssl=1 712w, https:\/\/i0.wp.com\/itayachtscanada.com\/wp-content\/uploads\/2025\/04\/Capture-decran-le-2025-04-17-a-15.37.46.jpg?w=1400&amp;ssl=1 1400w\" width=\"346\" height=\"194\" loading=\"lazy\" data-original-width=\"346\" data-original-height=\"194\" itemprop=\"http:\/\/schema.org\/image\" title=\"Capture d\u2019e\u0301cran, le 2025-04-17 a\u0300 15.37.46\" alt=\"Capture d\u2019e\u0301cran, le 2025-04-17 a\u0300 15.37.46\" style=\"width: 346px; height: 194px;\" \/> <\/a> <\/div> <\/div> <!-- close group --> <div class=\"gallery-group images-1\" style=\"width: 350px; height: 198px;\" data-original-width=\"350\" data-original-height=\"198\" > <div class=\"tiled-gallery-item tiled-gallery-item-large\" itemprop=\"associatedMedia\" itemscope itemtype=\"http:\/\/schema.org\/ImageObject\"> <a href=\"https:\/\/itayachtscanada.com\/fr\/listing\/azimut-grande-27-metri-2021-5644000-usd-for-sale\/capture-decran-le-2025-04-17-a-15-37-43\/\" border=\"0\" itemprop=\"url\"> <meta itemprop=\"width\" content=\"346\"> <meta itemprop=\"height\" content=\"194\"> <img decoding=\"async\" class=\"\" data-attachment-id=\"218748\" data-orig-file=\"https:\/\/itayachtscanada.com\/wp-content\/uploads\/2025\/04\/Capture-decran-le-2025-04-17-a-15.37.43.jpg\" data-orig-size=\"1734,974\" data-comments-opened=\"1\" data-image-meta=\"{&quot;aperture&quot;:&quot;0&quot;,&quot;credit&quot;:&quot;&quot;,&quot;camera&quot;:&quot;&quot;,&quot;caption&quot;:&quot;&quot;,&quot;created_timestamp&quot;:&quot;0&quot;,&quot;copyright&quot;:&quot;&quot;,&quot;focal_length&quot;:&quot;0&quot;,&quot;iso&quot;:&quot;0&quot;,&quot;shutter_speed&quot;:&quot;0&quot;,&quot;title&quot;:&quot;&quot;,&quot;orientation&quot;:&quot;0&quot;}\" data-image-title=\"Capture d\u2019e\u0301cran, le 2025-04-17 a\u0300 15.37.43\" data-image-description=\"\" data-medium-file=\"https:\/\/i0.wp.com\/itayachtscanada.com\/wp-content\/uploads\/2025\/04\/Capture-decran-le-2025-04-17-a-15.37.43.jpg?fit=300%2C169&#038;ssl=1\" data-large-file=\"https:\/\/i0.wp.com\/itayachtscanada.com\/wp-content\/uploads\/2025\/04\/Capture-decran-le-2025-04-17-a-15.37.43.jpg?fit=700%2C393&#038;ssl=1\" src=\"https:\/\/i0.wp.com\/itayachtscanada.com\/wp-content\/uploads\/2025\/04\/Capture-decran-le-2025-04-17-a-15.37.43.jpg?w=346&#038;h=194&#038;ssl=1\" srcset=\"https:\/\/i0.wp.com\/itayachtscanada.com\/wp-content\/uploads\/2025\/04\/Capture-decran-le-2025-04-17-a-15.37.43.jpg?w=1734&amp;ssl=1 1734w, https:\/\/i0.wp.com\/itayachtscanada.com\/wp-content\/uploads\/2025\/04\/Capture-decran-le-2025-04-17-a-15.37.43.jpg?resize=300%2C169&amp;ssl=1 300w, https:\/\/i0.wp.com\/itayachtscanada.com\/wp-content\/uploads\/2025\/04\/Capture-decran-le-2025-04-17-a-15.37.43.jpg?resize=1024%2C575&amp;ssl=1 1024w, https:\/\/i0.wp.com\/itayachtscanada.com\/wp-content\/uploads\/2025\/04\/Capture-decran-le-2025-04-17-a-15.37.43.jpg?resize=768%2C431&amp;ssl=1 768w, https:\/\/i0.wp.com\/itayachtscanada.com\/wp-content\/uploads\/2025\/04\/Capture-decran-le-2025-04-17-a-15.37.43.jpg?resize=1536%2C863&amp;ssl=1 1536w, https:\/\/i0.wp.com\/itayachtscanada.com\/wp-content\/uploads\/2025\/04\/Capture-decran-le-2025-04-17-a-15.37.43.jpg?resize=700%2C393&amp;ssl=1 700w, https:\/\/i0.wp.com\/itayachtscanada.com\/wp-content\/uploads\/2025\/04\/Capture-decran-le-2025-04-17-a-15.37.43.jpg?resize=712%2C400&amp;ssl=1 712w, https:\/\/i0.wp.com\/itayachtscanada.com\/wp-content\/uploads\/2025\/04\/Capture-decran-le-2025-04-17-a-15.37.43.jpg?w=1400&amp;ssl=1 1400w\" width=\"346\" height=\"194\" loading=\"lazy\" data-original-width=\"346\" data-original-height=\"194\" itemprop=\"http:\/\/schema.org\/image\" title=\"Capture d\u2019e\u0301cran, le 2025-04-17 a\u0300 15.37.43\" alt=\"Capture d\u2019e\u0301cran, le 2025-04-17 a\u0300 15.37.43\" style=\"width: 346px; height: 194px;\" \/> <\/a> <\/div> <\/div> <!-- close group --> <\/div> <!-- close row --> <div class=\"gallery-row\" style=\"width: 700px; height: 199px;\" data-original-width=\"700\" data-original-height=\"199\" > <div class=\"gallery-group images-1\" style=\"width: 349px; height: 199px;\" data-original-width=\"349\" data-original-height=\"199\" > <div class=\"tiled-gallery-item tiled-gallery-item-large\" itemprop=\"associatedMedia\" itemscope itemtype=\"http:\/\/schema.org\/ImageObject\"> <a href=\"https:\/\/itayachtscanada.com\/fr\/listing\/azimut-grande-27-metri-2021-5644000-usd-for-sale\/capture-decran-le-2025-04-17-a-15-37-19\/\" border=\"0\" itemprop=\"url\"> <meta itemprop=\"width\" content=\"345\"> <meta itemprop=\"height\" content=\"195\"> <img decoding=\"async\" class=\"\" data-attachment-id=\"218752\" data-orig-file=\"https:\/\/itayachtscanada.com\/wp-content\/uploads\/2025\/04\/Capture-decran-le-2025-04-17-a-15.37.19.jpg\" data-orig-size=\"1728,974\" data-comments-opened=\"1\" data-image-meta=\"{&quot;aperture&quot;:&quot;0&quot;,&quot;credit&quot;:&quot;&quot;,&quot;camera&quot;:&quot;&quot;,&quot;caption&quot;:&quot;&quot;,&quot;created_timestamp&quot;:&quot;0&quot;,&quot;copyright&quot;:&quot;&quot;,&quot;focal_length&quot;:&quot;0&quot;,&quot;iso&quot;:&quot;0&quot;,&quot;shutter_speed&quot;:&quot;0&quot;,&quot;title&quot;:&quot;&quot;,&quot;orientation&quot;:&quot;0&quot;}\" data-image-title=\"Capture d\u2019e\u0301cran, le 2025-04-17 a\u0300 15.37.19\" data-image-description=\"\" data-medium-file=\"https:\/\/i0.wp.com\/itayachtscanada.com\/wp-content\/uploads\/2025\/04\/Capture-decran-le-2025-04-17-a-15.37.19.jpg?fit=300%2C169&#038;ssl=1\" data-large-file=\"https:\/\/i0.wp.com\/itayachtscanada.com\/wp-content\/uploads\/2025\/04\/Capture-decran-le-2025-04-17-a-15.37.19.jpg?fit=700%2C394&#038;ssl=1\" src=\"https:\/\/i0.wp.com\/itayachtscanada.com\/wp-content\/uploads\/2025\/04\/Capture-decran-le-2025-04-17-a-15.37.19.jpg?w=345&#038;h=195&#038;ssl=1\" srcset=\"https:\/\/i0.wp.com\/itayachtscanada.com\/wp-content\/uploads\/2025\/04\/Capture-decran-le-2025-04-17-a-15.37.19.jpg?w=1728&amp;ssl=1 1728w, https:\/\/i0.wp.com\/itayachtscanada.com\/wp-content\/uploads\/2025\/04\/Capture-decran-le-2025-04-17-a-15.37.19.jpg?resize=300%2C169&amp;ssl=1 300w, https:\/\/i0.wp.com\/itayachtscanada.com\/wp-content\/uploads\/2025\/04\/Capture-decran-le-2025-04-17-a-15.37.19.jpg?resize=1024%2C577&amp;ssl=1 1024w, https:\/\/i0.wp.com\/itayachtscanada.com\/wp-content\/uploads\/2025\/04\/Capture-decran-le-2025-04-17-a-15.37.19.jpg?resize=768%2C433&amp;ssl=1 768w, https:\/\/i0.wp.com\/itayachtscanada.com\/wp-content\/uploads\/2025\/04\/Capture-decran-le-2025-04-17-a-15.37.19.jpg?resize=1536%2C866&amp;ssl=1 1536w, https:\/\/i0.wp.com\/itayachtscanada.com\/wp-content\/uploads\/2025\/04\/Capture-decran-le-2025-04-17-a-15.37.19.jpg?resize=700%2C395&amp;ssl=1 700w, https:\/\/i0.wp.com\/itayachtscanada.com\/wp-content\/uploads\/2025\/04\/Capture-decran-le-2025-04-17-a-15.37.19.jpg?resize=710%2C400&amp;ssl=1 710w, https:\/\/i0.wp.com\/itayachtscanada.com\/wp-content\/uploads\/2025\/04\/Capture-decran-le-2025-04-17-a-15.37.19.jpg?w=1400&amp;ssl=1 1400w\" width=\"345\" height=\"195\" loading=\"lazy\" data-original-width=\"345\" data-original-height=\"195\" itemprop=\"http:\/\/schema.org\/image\" title=\"Capture d\u2019e\u0301cran, le 2025-04-17 a\u0300 15.37.19\" alt=\"Capture d\u2019e\u0301cran, le 2025-04-17 a\u0300 15.37.19\" style=\"width: 345px; height: 195px;\" \/> <\/a> <\/div> <\/div> <!-- close group --> <div class=\"gallery-group images-1\" style=\"width: 351px; height: 199px;\" data-original-width=\"351\" data-original-height=\"199\" > <div class=\"tiled-gallery-item tiled-gallery-item-large\" itemprop=\"associatedMedia\" itemscope itemtype=\"http:\/\/schema.org\/ImageObject\"> <a href=\"https:\/\/itayachtscanada.com\/fr\/listing\/azimut-grande-27-metri-2021-5644000-usd-for-sale\/capture-decran-le-2025-04-17-a-15-37-39\/\" border=\"0\" itemprop=\"url\"> <meta itemprop=\"width\" content=\"347\"> <meta itemprop=\"height\" content=\"195\"> <img decoding=\"async\" class=\"\" data-attachment-id=\"218749\" data-orig-file=\"https:\/\/itayachtscanada.com\/wp-content\/uploads\/2025\/04\/Capture-decran-le-2025-04-17-a-15.37.39.jpg\" data-orig-size=\"1734,974\" data-comments-opened=\"1\" data-image-meta=\"{&quot;aperture&quot;:&quot;0&quot;,&quot;credit&quot;:&quot;&quot;,&quot;camera&quot;:&quot;&quot;,&quot;caption&quot;:&quot;&quot;,&quot;created_timestamp&quot;:&quot;0&quot;,&quot;copyright&quot;:&quot;&quot;,&quot;focal_length&quot;:&quot;0&quot;,&quot;iso&quot;:&quot;0&quot;,&quot;shutter_speed&quot;:&quot;0&quot;,&quot;title&quot;:&quot;&quot;,&quot;orientation&quot;:&quot;0&quot;}\" data-image-title=\"Capture d\u2019e\u0301cran, le 2025-04-17 a\u0300 15.37.39\" data-image-description=\"\" data-medium-file=\"https:\/\/i0.wp.com\/itayachtscanada.com\/wp-content\/uploads\/2025\/04\/Capture-decran-le-2025-04-17-a-15.37.39.jpg?fit=300%2C169&#038;ssl=1\" data-large-file=\"https:\/\/i0.wp.com\/itayachtscanada.com\/wp-content\/uploads\/2025\/04\/Capture-decran-le-2025-04-17-a-15.37.39.jpg?fit=700%2C393&#038;ssl=1\" src=\"https:\/\/i0.wp.com\/itayachtscanada.com\/wp-content\/uploads\/2025\/04\/Capture-decran-le-2025-04-17-a-15.37.39.jpg?w=347&#038;h=195&#038;ssl=1\" srcset=\"https:\/\/i0.wp.com\/itayachtscanada.com\/wp-content\/uploads\/2025\/04\/Capture-decran-le-2025-04-17-a-15.37.39.jpg?w=1734&amp;ssl=1 1734w, https:\/\/i0.wp.com\/itayachtscanada.com\/wp-content\/uploads\/2025\/04\/Capture-decran-le-2025-04-17-a-15.37.39.jpg?resize=300%2C169&amp;ssl=1 300w, https:\/\/i0.wp.com\/itayachtscanada.com\/wp-content\/uploads\/2025\/04\/Capture-decran-le-2025-04-17-a-15.37.39.jpg?resize=1024%2C575&amp;ssl=1 1024w, https:\/\/i0.wp.com\/itayachtscanada.com\/wp-content\/uploads\/2025\/04\/Capture-decran-le-2025-04-17-a-15.37.39.jpg?resize=768%2C431&amp;ssl=1 768w, https:\/\/i0.wp.com\/itayachtscanada.com\/wp-content\/uploads\/2025\/04\/Capture-decran-le-2025-04-17-a-15.37.39.jpg?resize=1536%2C863&amp;ssl=1 1536w, https:\/\/i0.wp.com\/itayachtscanada.com\/wp-content\/uploads\/2025\/04\/Capture-decran-le-2025-04-17-a-15.37.39.jpg?resize=700%2C393&amp;ssl=1 700w, https:\/\/i0.wp.com\/itayachtscanada.com\/wp-content\/uploads\/2025\/04\/Capture-decran-le-2025-04-17-a-15.37.39.jpg?resize=712%2C400&amp;ssl=1 712w, https:\/\/i0.wp.com\/itayachtscanada.com\/wp-content\/uploads\/2025\/04\/Capture-decran-le-2025-04-17-a-15.37.39.jpg?w=1400&amp;ssl=1 1400w\" width=\"347\" height=\"195\" loading=\"lazy\" data-original-width=\"347\" data-original-height=\"195\" itemprop=\"http:\/\/schema.org\/image\" title=\"Capture d\u2019e\u0301cran, le 2025-04-17 a\u0300 15.37.39\" alt=\"Capture d\u2019e\u0301cran, le 2025-04-17 a\u0300 15.37.39\" style=\"width: 347px; height: 195px;\" \/> <\/a> <\/div> <\/div> <!-- close group --> <\/div> <!-- close row --> <div class=\"gallery-row\" style=\"width: 700px; height: 301px;\" data-original-width=\"700\" data-original-height=\"301\" > <div class=\"gallery-group images-2\" style=\"width: 265px; height: 301px;\" data-original-width=\"265\" data-original-height=\"301\" > <div class=\"tiled-gallery-item tiled-gallery-item-large\" itemprop=\"associatedMedia\" itemscope itemtype=\"http:\/\/schema.org\/ImageObject\"> <a href=\"https:\/\/itayachtscanada.com\/fr\/listing\/azimut-grande-27-metri-2021-5644000-usd-for-sale\/capture-decran-le-2025-04-17-a-15-38-33\/\" border=\"0\" itemprop=\"url\"> <meta itemprop=\"width\" content=\"261\"> <meta itemprop=\"height\" content=\"147\"> <img decoding=\"async\" class=\"\" data-attachment-id=\"218732\" data-orig-file=\"https:\/\/itayachtscanada.com\/wp-content\/uploads\/2025\/04\/Capture-decran-le-2025-04-17-a-15.38.33.jpg\" data-orig-size=\"1734,974\" data-comments-opened=\"1\" data-image-meta=\"{&quot;aperture&quot;:&quot;0&quot;,&quot;credit&quot;:&quot;&quot;,&quot;camera&quot;:&quot;&quot;,&quot;caption&quot;:&quot;&quot;,&quot;created_timestamp&quot;:&quot;0&quot;,&quot;copyright&quot;:&quot;&quot;,&quot;focal_length&quot;:&quot;0&quot;,&quot;iso&quot;:&quot;0&quot;,&quot;shutter_speed&quot;:&quot;0&quot;,&quot;title&quot;:&quot;&quot;,&quot;orientation&quot;:&quot;0&quot;}\" data-image-title=\"Capture d\u2019e\u0301cran, le 2025-04-17 a\u0300 15.38.33\" data-image-description=\"\" data-medium-file=\"https:\/\/i0.wp.com\/itayachtscanada.com\/wp-content\/uploads\/2025\/04\/Capture-decran-le-2025-04-17-a-15.38.33.jpg?fit=300%2C169&#038;ssl=1\" data-large-file=\"https:\/\/i0.wp.com\/itayachtscanada.com\/wp-content\/uploads\/2025\/04\/Capture-decran-le-2025-04-17-a-15.38.33.jpg?fit=700%2C393&#038;ssl=1\" src=\"https:\/\/i0.wp.com\/itayachtscanada.com\/wp-content\/uploads\/2025\/04\/Capture-decran-le-2025-04-17-a-15.38.33.jpg?w=261&#038;h=147&#038;ssl=1\" srcset=\"https:\/\/i0.wp.com\/itayachtscanada.com\/wp-content\/uploads\/2025\/04\/Capture-decran-le-2025-04-17-a-15.38.33.jpg?w=1734&amp;ssl=1 1734w, https:\/\/i0.wp.com\/itayachtscanada.com\/wp-content\/uploads\/2025\/04\/Capture-decran-le-2025-04-17-a-15.38.33.jpg?resize=300%2C169&amp;ssl=1 300w, https:\/\/i0.wp.com\/itayachtscanada.com\/wp-content\/uploads\/2025\/04\/Capture-decran-le-2025-04-17-a-15.38.33.jpg?resize=1024%2C575&amp;ssl=1 1024w, https:\/\/i0.wp.com\/itayachtscanada.com\/wp-content\/uploads\/2025\/04\/Capture-decran-le-2025-04-17-a-15.38.33.jpg?resize=768%2C431&amp;ssl=1 768w, https:\/\/i0.wp.com\/itayachtscanada.com\/wp-content\/uploads\/2025\/04\/Capture-decran-le-2025-04-17-a-15.38.33.jpg?resize=1536%2C863&amp;ssl=1 1536w, https:\/\/i0.wp.com\/itayachtscanada.com\/wp-content\/uploads\/2025\/04\/Capture-decran-le-2025-04-17-a-15.38.33.jpg?resize=700%2C393&amp;ssl=1 700w, https:\/\/i0.wp.com\/itayachtscanada.com\/wp-content\/uploads\/2025\/04\/Capture-decran-le-2025-04-17-a-15.38.33.jpg?resize=712%2C400&amp;ssl=1 712w, https:\/\/i0.wp.com\/itayachtscanada.com\/wp-content\/uploads\/2025\/04\/Capture-decran-le-2025-04-17-a-15.38.33.jpg?w=1400&amp;ssl=1 1400w\" width=\"261\" height=\"147\" loading=\"lazy\" data-original-width=\"261\" data-original-height=\"147\" itemprop=\"http:\/\/schema.org\/image\" title=\"Capture d\u2019e\u0301cran, le 2025-04-17 a\u0300 15.38.33\" alt=\"Capture d\u2019e\u0301cran, le 2025-04-17 a\u0300 15.38.33\" style=\"width: 261px; height: 147px;\" \/> <\/a> <\/div> <div class=\"tiled-gallery-item tiled-gallery-item-large\" itemprop=\"associatedMedia\" itemscope itemtype=\"http:\/\/schema.org\/ImageObject\"> <a href=\"https:\/\/itayachtscanada.com\/fr\/listing\/azimut-grande-27-metri-2021-5644000-usd-for-sale\/capture-decran-le-2025-04-17-a-15-37-30\/\" border=\"0\" itemprop=\"url\"> <meta itemprop=\"width\" content=\"261\"> <meta itemprop=\"height\" content=\"146\"> <img decoding=\"async\" class=\"\" data-attachment-id=\"218750\" data-orig-file=\"https:\/\/itayachtscanada.com\/wp-content\/uploads\/2025\/04\/Capture-decran-le-2025-04-17-a-15.37.30.jpg\" data-orig-size=\"1734,974\" data-comments-opened=\"1\" data-image-meta=\"{&quot;aperture&quot;:&quot;0&quot;,&quot;credit&quot;:&quot;&quot;,&quot;camera&quot;:&quot;&quot;,&quot;caption&quot;:&quot;&quot;,&quot;created_timestamp&quot;:&quot;0&quot;,&quot;copyright&quot;:&quot;&quot;,&quot;focal_length&quot;:&quot;0&quot;,&quot;iso&quot;:&quot;0&quot;,&quot;shutter_speed&quot;:&quot;0&quot;,&quot;title&quot;:&quot;&quot;,&quot;orientation&quot;:&quot;0&quot;}\" data-image-title=\"Capture d\u2019e\u0301cran, le 2025-04-17 a\u0300 15.37.30\" data-image-description=\"\" data-medium-file=\"https:\/\/i0.wp.com\/itayachtscanada.com\/wp-content\/uploads\/2025\/04\/Capture-decran-le-2025-04-17-a-15.37.30.jpg?fit=300%2C169&#038;ssl=1\" data-large-file=\"https:\/\/i0.wp.com\/itayachtscanada.com\/wp-content\/uploads\/2025\/04\/Capture-decran-le-2025-04-17-a-15.37.30.jpg?fit=700%2C393&#038;ssl=1\" src=\"https:\/\/i0.wp.com\/itayachtscanada.com\/wp-content\/uploads\/2025\/04\/Capture-decran-le-2025-04-17-a-15.37.30.jpg?w=261&#038;h=146&#038;ssl=1\" srcset=\"https:\/\/i0.wp.com\/itayachtscanada.com\/wp-content\/uploads\/2025\/04\/Capture-decran-le-2025-04-17-a-15.37.30.jpg?w=1734&amp;ssl=1 1734w, https:\/\/i0.wp.com\/itayachtscanada.com\/wp-content\/uploads\/2025\/04\/Capture-decran-le-2025-04-17-a-15.37.30.jpg?resize=300%2C169&amp;ssl=1 300w, https:\/\/i0.wp.com\/itayachtscanada.com\/wp-content\/uploads\/2025\/04\/Capture-decran-le-2025-04-17-a-15.37.30.jpg?resize=1024%2C575&amp;ssl=1 1024w, https:\/\/i0.wp.com\/itayachtscanada.com\/wp-content\/uploads\/2025\/04\/Capture-decran-le-2025-04-17-a-15.37.30.jpg?resize=768%2C431&amp;ssl=1 768w, https:\/\/i0.wp.com\/itayachtscanada.com\/wp-content\/uploads\/2025\/04\/Capture-decran-le-2025-04-17-a-15.37.30.jpg?resize=1536%2C863&amp;ssl=1 1536w, https:\/\/i0.wp.com\/itayachtscanada.com\/wp-content\/uploads\/2025\/04\/Capture-decran-le-2025-04-17-a-15.37.30.jpg?resize=700%2C393&amp;ssl=1 700w, https:\/\/i0.wp.com\/itayachtscanada.com\/wp-content\/uploads\/2025\/04\/Capture-decran-le-2025-04-17-a-15.37.30.jpg?resize=712%2C400&amp;ssl=1 712w, https:\/\/i0.wp.com\/itayachtscanada.com\/wp-content\/uploads\/2025\/04\/Capture-decran-le-2025-04-17-a-15.37.30.jpg?w=1400&amp;ssl=1 1400w\" width=\"261\" height=\"146\" loading=\"lazy\" data-original-width=\"261\" data-original-height=\"146\" itemprop=\"http:\/\/schema.org\/image\" title=\"Capture d\u2019e\u0301cran, le 2025-04-17 a\u0300 15.37.30\" alt=\"Capture d\u2019e\u0301cran, le 2025-04-17 a\u0300 15.37.30\" style=\"width: 261px; height: 146px;\" \/> <\/a> <\/div> <\/div> <!-- close group --> <div class=\"gallery-group images-1\" style=\"width: 171px; height: 301px;\" data-original-width=\"171\" data-original-height=\"301\" > <div class=\"tiled-gallery-item tiled-gallery-item-small\" itemprop=\"associatedMedia\" itemscope itemtype=\"http:\/\/schema.org\/ImageObject\"> <a href=\"https:\/\/itayachtscanada.com\/fr\/listing\/azimut-grande-27-metri-2021-5644000-usd-for-sale\/capture-decran-le-2025-04-17-a-15-37-22\/\" border=\"0\" itemprop=\"url\"> <meta itemprop=\"width\" content=\"167\"> <meta itemprop=\"height\" content=\"297\"> <img decoding=\"async\" class=\"\" data-attachment-id=\"218751\" data-orig-file=\"https:\/\/itayachtscanada.com\/wp-content\/uploads\/2025\/04\/Capture-decran-le-2025-04-17-a-15.37.22.jpg\" data-orig-size=\"546,974\" data-comments-opened=\"1\" data-image-meta=\"{&quot;aperture&quot;:&quot;0&quot;,&quot;credit&quot;:&quot;&quot;,&quot;camera&quot;:&quot;&quot;,&quot;caption&quot;:&quot;&quot;,&quot;created_timestamp&quot;:&quot;0&quot;,&quot;copyright&quot;:&quot;&quot;,&quot;focal_length&quot;:&quot;0&quot;,&quot;iso&quot;:&quot;0&quot;,&quot;shutter_speed&quot;:&quot;0&quot;,&quot;title&quot;:&quot;&quot;,&quot;orientation&quot;:&quot;0&quot;}\" data-image-title=\"Capture d\u2019e\u0301cran, le 2025-04-17 a\u0300 15.37.22\" data-image-description=\"\" data-medium-file=\"https:\/\/i0.wp.com\/itayachtscanada.com\/wp-content\/uploads\/2025\/04\/Capture-decran-le-2025-04-17-a-15.37.22.jpg?fit=168%2C300&#038;ssl=1\" data-large-file=\"https:\/\/i0.wp.com\/itayachtscanada.com\/wp-content\/uploads\/2025\/04\/Capture-decran-le-2025-04-17-a-15.37.22.jpg?fit=546%2C974&#038;ssl=1\" src=\"https:\/\/i0.wp.com\/itayachtscanada.com\/wp-content\/uploads\/2025\/04\/Capture-decran-le-2025-04-17-a-15.37.22.jpg?w=167&#038;h=297&#038;ssl=1\" srcset=\"https:\/\/i0.wp.com\/itayachtscanada.com\/wp-content\/uploads\/2025\/04\/Capture-decran-le-2025-04-17-a-15.37.22.jpg?w=546&amp;ssl=1 546w, https:\/\/i0.wp.com\/itayachtscanada.com\/wp-content\/uploads\/2025\/04\/Capture-decran-le-2025-04-17-a-15.37.22.jpg?resize=168%2C300&amp;ssl=1 168w, https:\/\/i0.wp.com\/itayachtscanada.com\/wp-content\/uploads\/2025\/04\/Capture-decran-le-2025-04-17-a-15.37.22.jpg?resize=224%2C400&amp;ssl=1 224w\" width=\"167\" height=\"297\" loading=\"lazy\" data-original-width=\"167\" data-original-height=\"297\" itemprop=\"http:\/\/schema.org\/image\" title=\"Capture d\u2019e\u0301cran, le 2025-04-17 a\u0300 15.37.22\" alt=\"Capture d\u2019e\u0301cran, le 2025-04-17 a\u0300 15.37.22\" style=\"width: 167px; height: 297px;\" \/> <\/a> <\/div> <\/div> <!-- close group --> <div class=\"gallery-group images-2\" style=\"width: 264px; height: 301px;\" data-original-width=\"264\" data-original-height=\"301\" > <div class=\"tiled-gallery-item tiled-gallery-item-large\" itemprop=\"associatedMedia\" itemscope itemtype=\"http:\/\/schema.org\/ImageObject\"> <a href=\"https:\/\/itayachtscanada.com\/fr\/listing\/azimut-grande-27-metri-2021-5644000-usd-for-sale\/capture-decran-le-2025-04-17-a-15-37-16\/\" border=\"0\" itemprop=\"url\"> <meta itemprop=\"width\" content=\"260\"> <meta itemprop=\"height\" content=\"147\"> <img decoding=\"async\" class=\"\" data-attachment-id=\"218753\" data-orig-file=\"https:\/\/itayachtscanada.com\/wp-content\/uploads\/2025\/04\/Capture-decran-le-2025-04-17-a-15.37.16.jpg\" data-orig-size=\"1728,974\" data-comments-opened=\"1\" data-image-meta=\"{&quot;aperture&quot;:&quot;0&quot;,&quot;credit&quot;:&quot;&quot;,&quot;camera&quot;:&quot;&quot;,&quot;caption&quot;:&quot;&quot;,&quot;created_timestamp&quot;:&quot;0&quot;,&quot;copyright&quot;:&quot;&quot;,&quot;focal_length&quot;:&quot;0&quot;,&quot;iso&quot;:&quot;0&quot;,&quot;shutter_speed&quot;:&quot;0&quot;,&quot;title&quot;:&quot;&quot;,&quot;orientation&quot;:&quot;0&quot;}\" data-image-title=\"Capture d\u2019e\u0301cran, le 2025-04-17 a\u0300 15.37.16\" data-image-description=\"\" data-medium-file=\"https:\/\/i0.wp.com\/itayachtscanada.com\/wp-content\/uploads\/2025\/04\/Capture-decran-le-2025-04-17-a-15.37.16.jpg?fit=300%2C169&#038;ssl=1\" data-large-file=\"https:\/\/i0.wp.com\/itayachtscanada.com\/wp-content\/uploads\/2025\/04\/Capture-decran-le-2025-04-17-a-15.37.16.jpg?fit=700%2C394&#038;ssl=1\" src=\"https:\/\/i0.wp.com\/itayachtscanada.com\/wp-content\/uploads\/2025\/04\/Capture-decran-le-2025-04-17-a-15.37.16.jpg?w=260&#038;h=147&#038;ssl=1\" srcset=\"https:\/\/i0.wp.com\/itayachtscanada.com\/wp-content\/uploads\/2025\/04\/Capture-decran-le-2025-04-17-a-15.37.16.jpg?w=1728&amp;ssl=1 1728w, https:\/\/i0.wp.com\/itayachtscanada.com\/wp-content\/uploads\/2025\/04\/Capture-decran-le-2025-04-17-a-15.37.16.jpg?resize=300%2C169&amp;ssl=1 300w, https:\/\/i0.wp.com\/itayachtscanada.com\/wp-content\/uploads\/2025\/04\/Capture-decran-le-2025-04-17-a-15.37.16.jpg?resize=1024%2C577&amp;ssl=1 1024w, https:\/\/i0.wp.com\/itayachtscanada.com\/wp-content\/uploads\/2025\/04\/Capture-decran-le-2025-04-17-a-15.37.16.jpg?resize=768%2C433&amp;ssl=1 768w, https:\/\/i0.wp.com\/itayachtscanada.com\/wp-content\/uploads\/2025\/04\/Capture-decran-le-2025-04-17-a-15.37.16.jpg?resize=1536%2C866&amp;ssl=1 1536w, https:\/\/i0.wp.com\/itayachtscanada.com\/wp-content\/uploads\/2025\/04\/Capture-decran-le-2025-04-17-a-15.37.16.jpg?resize=700%2C395&amp;ssl=1 700w, https:\/\/i0.wp.com\/itayachtscanada.com\/wp-content\/uploads\/2025\/04\/Capture-decran-le-2025-04-17-a-15.37.16.jpg?resize=710%2C400&amp;ssl=1 710w, https:\/\/i0.wp.com\/itayachtscanada.com\/wp-content\/uploads\/2025\/04\/Capture-decran-le-2025-04-17-a-15.37.16.jpg?w=1400&amp;ssl=1 1400w\" width=\"260\" height=\"147\" loading=\"lazy\" data-original-width=\"260\" data-original-height=\"147\" itemprop=\"http:\/\/schema.org\/image\" title=\"Capture d\u2019e\u0301cran, le 2025-04-17 a\u0300 15.37.16\" alt=\"Capture d\u2019e\u0301cran, le 2025-04-17 a\u0300 15.37.16\" style=\"width: 260px; height: 147px;\" \/> <\/a> <\/div> <div class=\"tiled-gallery-item tiled-gallery-item-large\" itemprop=\"associatedMedia\" itemscope itemtype=\"http:\/\/schema.org\/ImageObject\"> <a href=\"https:\/\/itayachtscanada.com\/fr\/listing\/azimut-grande-27-metri-2021-5644000-usd-for-sale\/capture-decran-le-2025-04-17-a-15-37-13\/\" border=\"0\" itemprop=\"url\"> <meta itemprop=\"width\" content=\"260\"> <meta itemprop=\"height\" content=\"146\"> <img decoding=\"async\" class=\"\" data-attachment-id=\"218754\" data-orig-file=\"https:\/\/itayachtscanada.com\/wp-content\/uploads\/2025\/04\/Capture-decran-le-2025-04-17-a-15.37.13.jpg\" data-orig-size=\"1728,974\" data-comments-opened=\"1\" data-image-meta=\"{&quot;aperture&quot;:&quot;0&quot;,&quot;credit&quot;:&quot;&quot;,&quot;camera&quot;:&quot;&quot;,&quot;caption&quot;:&quot;&quot;,&quot;created_timestamp&quot;:&quot;0&quot;,&quot;copyright&quot;:&quot;&quot;,&quot;focal_length&quot;:&quot;0&quot;,&quot;iso&quot;:&quot;0&quot;,&quot;shutter_speed&quot;:&quot;0&quot;,&quot;title&quot;:&quot;&quot;,&quot;orientation&quot;:&quot;0&quot;}\" data-image-title=\"Capture d\u2019e\u0301cran, le 2025-04-17 a\u0300 15.37.13\" data-image-description=\"\" data-medium-file=\"https:\/\/i0.wp.com\/itayachtscanada.com\/wp-content\/uploads\/2025\/04\/Capture-decran-le-2025-04-17-a-15.37.13.jpg?fit=300%2C169&#038;ssl=1\" data-large-file=\"https:\/\/i0.wp.com\/itayachtscanada.com\/wp-content\/uploads\/2025\/04\/Capture-decran-le-2025-04-17-a-15.37.13.jpg?fit=700%2C394&#038;ssl=1\" src=\"https:\/\/i0.wp.com\/itayachtscanada.com\/wp-content\/uploads\/2025\/04\/Capture-decran-le-2025-04-17-a-15.37.13.jpg?w=260&#038;h=146&#038;ssl=1\" srcset=\"https:\/\/i0.wp.com\/itayachtscanada.com\/wp-content\/uploads\/2025\/04\/Capture-decran-le-2025-04-17-a-15.37.13.jpg?w=1728&amp;ssl=1 1728w, https:\/\/i0.wp.com\/itayachtscanada.com\/wp-content\/uploads\/2025\/04\/Capture-decran-le-2025-04-17-a-15.37.13.jpg?resize=300%2C169&amp;ssl=1 300w, https:\/\/i0.wp.com\/itayachtscanada.com\/wp-content\/uploads\/2025\/04\/Capture-decran-le-2025-04-17-a-15.37.13.jpg?resize=1024%2C577&amp;ssl=1 1024w, https:\/\/i0.wp.com\/itayachtscanada.com\/wp-content\/uploads\/2025\/04\/Capture-decran-le-2025-04-17-a-15.37.13.jpg?resize=768%2C433&amp;ssl=1 768w, https:\/\/i0.wp.com\/itayachtscanada.com\/wp-content\/uploads\/2025\/04\/Capture-decran-le-2025-04-17-a-15.37.13.jpg?resize=1536%2C866&amp;ssl=1 1536w, https:\/\/i0.wp.com\/itayachtscanada.com\/wp-content\/uploads\/2025\/04\/Capture-decran-le-2025-04-17-a-15.37.13.jpg?resize=700%2C395&amp;ssl=1 700w, https:\/\/i0.wp.com\/itayachtscanada.com\/wp-content\/uploads\/2025\/04\/Capture-decran-le-2025-04-17-a-15.37.13.jpg?resize=710%2C400&amp;ssl=1 710w, https:\/\/i0.wp.com\/itayachtscanada.com\/wp-content\/uploads\/2025\/04\/Capture-decran-le-2025-04-17-a-15.37.13.jpg?w=1400&amp;ssl=1 1400w\" width=\"260\" height=\"146\" loading=\"lazy\" data-original-width=\"260\" data-original-height=\"146\" itemprop=\"http:\/\/schema.org\/image\" title=\"Capture d\u2019e\u0301cran, le 2025-04-17 a\u0300 15.37.13\" alt=\"Capture d\u2019e\u0301cran, le 2025-04-17 a\u0300 15.37.13\" style=\"width: 260px; height: 146px;\" \/> <\/a> <\/div> <\/div> <!-- close group --> <\/div> <!-- close row --> <div class=\"gallery-row\" style=\"width: 700px; height: 199px;\" data-original-width=\"700\" data-original-height=\"199\" > <div class=\"gallery-group images-1\" style=\"width: 350px; height: 199px;\" data-original-width=\"350\" data-original-height=\"199\" > <div class=\"tiled-gallery-item tiled-gallery-item-large\" itemprop=\"associatedMedia\" itemscope itemtype=\"http:\/\/schema.org\/ImageObject\"> <a href=\"https:\/\/itayachtscanada.com\/fr\/listing\/azimut-grande-27-metri-2021-5644000-usd-for-sale\/capture-decran-le-2025-04-17-a-15-37-10\/\" border=\"0\" itemprop=\"url\"> <meta itemprop=\"width\" content=\"346\"> <meta itemprop=\"height\" content=\"195\"> <img decoding=\"async\" class=\"\" data-attachment-id=\"218755\" data-orig-file=\"https:\/\/itayachtscanada.com\/wp-content\/uploads\/2025\/04\/Capture-decran-le-2025-04-17-a-15.37.10.jpg\" data-orig-size=\"1728,974\" data-comments-opened=\"1\" data-image-meta=\"{&quot;aperture&quot;:&quot;0&quot;,&quot;credit&quot;:&quot;&quot;,&quot;camera&quot;:&quot;&quot;,&quot;caption&quot;:&quot;&quot;,&quot;created_timestamp&quot;:&quot;0&quot;,&quot;copyright&quot;:&quot;&quot;,&quot;focal_length&quot;:&quot;0&quot;,&quot;iso&quot;:&quot;0&quot;,&quot;shutter_speed&quot;:&quot;0&quot;,&quot;title&quot;:&quot;&quot;,&quot;orientation&quot;:&quot;0&quot;}\" data-image-title=\"Capture d\u2019e\u0301cran, le 2025-04-17 a\u0300 15.37.10\" data-image-description=\"\" data-medium-file=\"https:\/\/i0.wp.com\/itayachtscanada.com\/wp-content\/uploads\/2025\/04\/Capture-decran-le-2025-04-17-a-15.37.10.jpg?fit=300%2C169&#038;ssl=1\" data-large-file=\"https:\/\/i0.wp.com\/itayachtscanada.com\/wp-content\/uploads\/2025\/04\/Capture-decran-le-2025-04-17-a-15.37.10.jpg?fit=700%2C394&#038;ssl=1\" src=\"https:\/\/i0.wp.com\/itayachtscanada.com\/wp-content\/uploads\/2025\/04\/Capture-decran-le-2025-04-17-a-15.37.10.jpg?w=346&#038;h=195&#038;ssl=1\" srcset=\"https:\/\/i0.wp.com\/itayachtscanada.com\/wp-content\/uploads\/2025\/04\/Capture-decran-le-2025-04-17-a-15.37.10.jpg?w=1728&amp;ssl=1 1728w, https:\/\/i0.wp.com\/itayachtscanada.com\/wp-content\/uploads\/2025\/04\/Capture-decran-le-2025-04-17-a-15.37.10.jpg?resize=300%2C169&amp;ssl=1 300w, https:\/\/i0.wp.com\/itayachtscanada.com\/wp-content\/uploads\/2025\/04\/Capture-decran-le-2025-04-17-a-15.37.10.jpg?resize=1024%2C577&amp;ssl=1 1024w, https:\/\/i0.wp.com\/itayachtscanada.com\/wp-content\/uploads\/2025\/04\/Capture-decran-le-2025-04-17-a-15.37.10.jpg?resize=768%2C433&amp;ssl=1 768w, https:\/\/i0.wp.com\/itayachtscanada.com\/wp-content\/uploads\/2025\/04\/Capture-decran-le-2025-04-17-a-15.37.10.jpg?resize=1536%2C866&amp;ssl=1 1536w, https:\/\/i0.wp.com\/itayachtscanada.com\/wp-content\/uploads\/2025\/04\/Capture-decran-le-2025-04-17-a-15.37.10.jpg?resize=700%2C395&amp;ssl=1 700w, https:\/\/i0.wp.com\/itayachtscanada.com\/wp-content\/uploads\/2025\/04\/Capture-decran-le-2025-04-17-a-15.37.10.jpg?resize=710%2C400&amp;ssl=1 710w, https:\/\/i0.wp.com\/itayachtscanada.com\/wp-content\/uploads\/2025\/04\/Capture-decran-le-2025-04-17-a-15.37.10.jpg?w=1400&amp;ssl=1 1400w\" width=\"346\" height=\"195\" loading=\"lazy\" data-original-width=\"346\" data-original-height=\"195\" itemprop=\"http:\/\/schema.org\/image\" title=\"Capture d\u2019e\u0301cran, le 2025-04-17 a\u0300 15.37.10\" alt=\"Capture d\u2019e\u0301cran, le 2025-04-17 a\u0300 15.37.10\" style=\"width: 346px; height: 195px;\" \/> <\/a> <\/div> <\/div> <!-- close group --> <div class=\"gallery-group images-1\" style=\"width: 350px; height: 199px;\" data-original-width=\"350\" data-original-height=\"199\" > <div class=\"tiled-gallery-item tiled-gallery-item-large\" itemprop=\"associatedMedia\" itemscope itemtype=\"http:\/\/schema.org\/ImageObject\"> <a href=\"https:\/\/itayachtscanada.com\/fr\/listing\/azimut-grande-27-metri-2021-5644000-usd-for-sale\/capture-decran-le-2025-04-17-a-15-37-07\/\" border=\"0\" itemprop=\"url\"> <meta itemprop=\"width\" content=\"346\"> <meta itemprop=\"height\" content=\"195\"> <img decoding=\"async\" class=\"\" data-attachment-id=\"218756\" data-orig-file=\"https:\/\/itayachtscanada.com\/wp-content\/uploads\/2025\/04\/Capture-decran-le-2025-04-17-a-15.37.07.jpg\" data-orig-size=\"1728,974\" data-comments-opened=\"1\" data-image-meta=\"{&quot;aperture&quot;:&quot;0&quot;,&quot;credit&quot;:&quot;&quot;,&quot;camera&quot;:&quot;&quot;,&quot;caption&quot;:&quot;&quot;,&quot;created_timestamp&quot;:&quot;0&quot;,&quot;copyright&quot;:&quot;&quot;,&quot;focal_length&quot;:&quot;0&quot;,&quot;iso&quot;:&quot;0&quot;,&quot;shutter_speed&quot;:&quot;0&quot;,&quot;title&quot;:&quot;&quot;,&quot;orientation&quot;:&quot;0&quot;}\" data-image-title=\"Capture d\u2019e\u0301cran, le 2025-04-17 a\u0300 15.37.07\" data-image-description=\"\" data-medium-file=\"https:\/\/i0.wp.com\/itayachtscanada.com\/wp-content\/uploads\/2025\/04\/Capture-decran-le-2025-04-17-a-15.37.07.jpg?fit=300%2C169&#038;ssl=1\" data-large-file=\"https:\/\/i0.wp.com\/itayachtscanada.com\/wp-content\/uploads\/2025\/04\/Capture-decran-le-2025-04-17-a-15.37.07.jpg?fit=700%2C394&#038;ssl=1\" src=\"https:\/\/i0.wp.com\/itayachtscanada.com\/wp-content\/uploads\/2025\/04\/Capture-decran-le-2025-04-17-a-15.37.07.jpg?w=346&#038;h=195&#038;ssl=1\" srcset=\"https:\/\/i0.wp.com\/itayachtscanada.com\/wp-content\/uploads\/2025\/04\/Capture-decran-le-2025-04-17-a-15.37.07.jpg?w=1728&amp;ssl=1 1728w, https:\/\/i0.wp.com\/itayachtscanada.com\/wp-content\/uploads\/2025\/04\/Capture-decran-le-2025-04-17-a-15.37.07.jpg?resize=300%2C169&amp;ssl=1 300w, https:\/\/i0.wp.com\/itayachtscanada.com\/wp-content\/uploads\/2025\/04\/Capture-decran-le-2025-04-17-a-15.37.07.jpg?resize=1024%2C577&amp;ssl=1 1024w, https:\/\/i0.wp.com\/itayachtscanada.com\/wp-content\/uploads\/2025\/04\/Capture-decran-le-2025-04-17-a-15.37.07.jpg?resize=768%2C433&amp;ssl=1 768w, https:\/\/i0.wp.com\/itayachtscanada.com\/wp-content\/uploads\/2025\/04\/Capture-decran-le-2025-04-17-a-15.37.07.jpg?resize=1536%2C866&amp;ssl=1 1536w, https:\/\/i0.wp.com\/itayachtscanada.com\/wp-content\/uploads\/2025\/04\/Capture-decran-le-2025-04-17-a-15.37.07.jpg?resize=700%2C395&amp;ssl=1 700w, https:\/\/i0.wp.com\/itayachtscanada.com\/wp-content\/uploads\/2025\/04\/Capture-decran-le-2025-04-17-a-15.37.07.jpg?resize=710%2C400&amp;ssl=1 710w, https:\/\/i0.wp.com\/itayachtscanada.com\/wp-content\/uploads\/2025\/04\/Capture-decran-le-2025-04-17-a-15.37.07.jpg?w=1400&amp;ssl=1 1400w\" width=\"346\" height=\"195\" loading=\"lazy\" data-original-width=\"346\" data-original-height=\"195\" itemprop=\"http:\/\/schema.org\/image\" title=\"Capture d\u2019e\u0301cran, le 2025-04-17 a\u0300 15.37.07\" alt=\"Capture d\u2019e\u0301cran, le 2025-04-17 a\u0300 15.37.07\" style=\"width: 346px; height: 195px;\" \/> <\/a> <\/div> <\/div> <!-- close group --> <\/div> <!-- close row --> <div class=\"gallery-row\" style=\"width: 700px; height: 199px;\" data-original-width=\"700\" data-original-height=\"199\" > <div class=\"gallery-group images-1\" style=\"width: 350px; height: 199px;\" data-original-width=\"350\" data-original-height=\"199\" > <div class=\"tiled-gallery-item tiled-gallery-item-large\" itemprop=\"associatedMedia\" itemscope itemtype=\"http:\/\/schema.org\/ImageObject\"> <a href=\"https:\/\/itayachtscanada.com\/fr\/listing\/azimut-grande-27-metri-2021-5644000-usd-for-sale\/capture-decran-le-2025-04-17-a-15-37-04\/\" border=\"0\" itemprop=\"url\"> <meta itemprop=\"width\" content=\"346\"> <meta itemprop=\"height\" content=\"195\"> <img decoding=\"async\" class=\"\" data-attachment-id=\"218757\" data-orig-file=\"https:\/\/itayachtscanada.com\/wp-content\/uploads\/2025\/04\/Capture-decran-le-2025-04-17-a-15.37.04.jpg\" data-orig-size=\"1728,974\" data-comments-opened=\"1\" data-image-meta=\"{&quot;aperture&quot;:&quot;0&quot;,&quot;credit&quot;:&quot;&quot;,&quot;camera&quot;:&quot;&quot;,&quot;caption&quot;:&quot;&quot;,&quot;created_timestamp&quot;:&quot;0&quot;,&quot;copyright&quot;:&quot;&quot;,&quot;focal_length&quot;:&quot;0&quot;,&quot;iso&quot;:&quot;0&quot;,&quot;shutter_speed&quot;:&quot;0&quot;,&quot;title&quot;:&quot;&quot;,&quot;orientation&quot;:&quot;0&quot;}\" data-image-title=\"Capture d\u2019e\u0301cran, le 2025-04-17 a\u0300 15.37.04\" data-image-description=\"\" data-medium-file=\"https:\/\/i0.wp.com\/itayachtscanada.com\/wp-content\/uploads\/2025\/04\/Capture-decran-le-2025-04-17-a-15.37.04.jpg?fit=300%2C169&#038;ssl=1\" data-large-file=\"https:\/\/i0.wp.com\/itayachtscanada.com\/wp-content\/uploads\/2025\/04\/Capture-decran-le-2025-04-17-a-15.37.04.jpg?fit=700%2C394&#038;ssl=1\" src=\"https:\/\/i0.wp.com\/itayachtscanada.com\/wp-content\/uploads\/2025\/04\/Capture-decran-le-2025-04-17-a-15.37.04.jpg?w=346&#038;h=195&#038;ssl=1\" srcset=\"https:\/\/i0.wp.com\/itayachtscanada.com\/wp-content\/uploads\/2025\/04\/Capture-decran-le-2025-04-17-a-15.37.04.jpg?w=1728&amp;ssl=1 1728w, https:\/\/i0.wp.com\/itayachtscanada.com\/wp-content\/uploads\/2025\/04\/Capture-decran-le-2025-04-17-a-15.37.04.jpg?resize=300%2C169&amp;ssl=1 300w, https:\/\/i0.wp.com\/itayachtscanada.com\/wp-content\/uploads\/2025\/04\/Capture-decran-le-2025-04-17-a-15.37.04.jpg?resize=1024%2C577&amp;ssl=1 1024w, https:\/\/i0.wp.com\/itayachtscanada.com\/wp-content\/uploads\/2025\/04\/Capture-decran-le-2025-04-17-a-15.37.04.jpg?resize=768%2C433&amp;ssl=1 768w, https:\/\/i0.wp.com\/itayachtscanada.com\/wp-content\/uploads\/2025\/04\/Capture-decran-le-2025-04-17-a-15.37.04.jpg?resize=1536%2C866&amp;ssl=1 1536w, https:\/\/i0.wp.com\/itayachtscanada.com\/wp-content\/uploads\/2025\/04\/Capture-decran-le-2025-04-17-a-15.37.04.jpg?resize=700%2C395&amp;ssl=1 700w, https:\/\/i0.wp.com\/itayachtscanada.com\/wp-content\/uploads\/2025\/04\/Capture-decran-le-2025-04-17-a-15.37.04.jpg?resize=710%2C400&amp;ssl=1 710w, https:\/\/i0.wp.com\/itayachtscanada.com\/wp-content\/uploads\/2025\/04\/Capture-decran-le-2025-04-17-a-15.37.04.jpg?w=1400&amp;ssl=1 1400w\" width=\"346\" height=\"195\" loading=\"lazy\" data-original-width=\"346\" data-original-height=\"195\" itemprop=\"http:\/\/schema.org\/image\" title=\"Capture d\u2019e\u0301cran, le 2025-04-17 a\u0300 15.37.04\" alt=\"Capture d\u2019e\u0301cran, le 2025-04-17 a\u0300 15.37.04\" style=\"width: 346px; height: 195px;\" \/> <\/a> <\/div> <\/div> <!-- close group --> <div class=\"gallery-group images-1\" style=\"width: 350px; height: 199px;\" data-original-width=\"350\" data-original-height=\"199\" > <div class=\"tiled-gallery-item tiled-gallery-item-large\" itemprop=\"associatedMedia\" itemscope itemtype=\"http:\/\/schema.org\/ImageObject\"> <a href=\"https:\/\/itayachtscanada.com\/fr\/listing\/azimut-grande-27-metri-2021-5644000-usd-for-sale\/capture-decran-le-2025-04-17-a-15-37-00\/\" border=\"0\" itemprop=\"url\"> <meta itemprop=\"width\" content=\"346\"> <meta itemprop=\"height\" content=\"195\"> <img decoding=\"async\" class=\"\" data-attachment-id=\"218758\" data-orig-file=\"https:\/\/itayachtscanada.com\/wp-content\/uploads\/2025\/04\/Capture-decran-le-2025-04-17-a-15.37.00.jpg\" data-orig-size=\"1728,974\" data-comments-opened=\"1\" data-image-meta=\"{&quot;aperture&quot;:&quot;0&quot;,&quot;credit&quot;:&quot;&quot;,&quot;camera&quot;:&quot;&quot;,&quot;caption&quot;:&quot;&quot;,&quot;created_timestamp&quot;:&quot;0&quot;,&quot;copyright&quot;:&quot;&quot;,&quot;focal_length&quot;:&quot;0&quot;,&quot;iso&quot;:&quot;0&quot;,&quot;shutter_speed&quot;:&quot;0&quot;,&quot;title&quot;:&quot;&quot;,&quot;orientation&quot;:&quot;0&quot;}\" data-image-title=\"Capture d\u2019e\u0301cran, le 2025-04-17 a\u0300 15.37.00\" data-image-description=\"\" data-medium-file=\"https:\/\/i0.wp.com\/itayachtscanada.com\/wp-content\/uploads\/2025\/04\/Capture-decran-le-2025-04-17-a-15.37.00.jpg?fit=300%2C169&#038;ssl=1\" data-large-file=\"https:\/\/i0.wp.com\/itayachtscanada.com\/wp-content\/uploads\/2025\/04\/Capture-decran-le-2025-04-17-a-15.37.00.jpg?fit=700%2C394&#038;ssl=1\" src=\"https:\/\/i0.wp.com\/itayachtscanada.com\/wp-content\/uploads\/2025\/04\/Capture-decran-le-2025-04-17-a-15.37.00.jpg?w=346&#038;h=195&#038;ssl=1\" srcset=\"https:\/\/i0.wp.com\/itayachtscanada.com\/wp-content\/uploads\/2025\/04\/Capture-decran-le-2025-04-17-a-15.37.00.jpg?w=1728&amp;ssl=1 1728w, https:\/\/i0.wp.com\/itayachtscanada.com\/wp-content\/uploads\/2025\/04\/Capture-decran-le-2025-04-17-a-15.37.00.jpg?resize=300%2C169&amp;ssl=1 300w, https:\/\/i0.wp.com\/itayachtscanada.com\/wp-content\/uploads\/2025\/04\/Capture-decran-le-2025-04-17-a-15.37.00.jpg?resize=1024%2C577&amp;ssl=1 1024w, https:\/\/i0.wp.com\/itayachtscanada.com\/wp-content\/uploads\/2025\/04\/Capture-decran-le-2025-04-17-a-15.37.00.jpg?resize=768%2C433&amp;ssl=1 768w, https:\/\/i0.wp.com\/itayachtscanada.com\/wp-content\/uploads\/2025\/04\/Capture-decran-le-2025-04-17-a-15.37.00.jpg?resize=1536%2C866&amp;ssl=1 1536w, https:\/\/i0.wp.com\/itayachtscanada.com\/wp-content\/uploads\/2025\/04\/Capture-decran-le-2025-04-17-a-15.37.00.jpg?resize=700%2C395&amp;ssl=1 700w, https:\/\/i0.wp.com\/itayachtscanada.com\/wp-content\/uploads\/2025\/04\/Capture-decran-le-2025-04-17-a-15.37.00.jpg?resize=710%2C400&amp;ssl=1 710w, https:\/\/i0.wp.com\/itayachtscanada.com\/wp-content\/uploads\/2025\/04\/Capture-decran-le-2025-04-17-a-15.37.00.jpg?w=1400&amp;ssl=1 1400w\" width=\"346\" height=\"195\" loading=\"lazy\" data-original-width=\"346\" data-original-height=\"195\" itemprop=\"http:\/\/schema.org\/image\" title=\"Capture d\u2019e\u0301cran, le 2025-04-17 a\u0300 15.37.00\" alt=\"Capture d\u2019e\u0301cran, le 2025-04-17 a\u0300 15.37.00\" style=\"width: 346px; height: 195px;\" \/> <\/a> <\/div> <\/div> <!-- close group --> <\/div> <!-- close row --> <div class=\"gallery-row\" style=\"width: 700px; height: 343px;\" data-original-width=\"700\" data-original-height=\"343\" > <div class=\"gallery-group images-3\" style=\"width: 200px; height: 343px;\" data-original-width=\"200\" data-original-height=\"343\" > <div class=\"tiled-gallery-item tiled-gallery-item-small\" itemprop=\"associatedMedia\" itemscope itemtype=\"http:\/\/schema.org\/ImageObject\"> <a href=\"https:\/\/itayachtscanada.com\/fr\/listing\/azimut-grande-27-metri-2021-5644000-usd-for-sale\/capture-decran-le-2025-04-17-a-15-36-58\/\" border=\"0\" itemprop=\"url\"> <meta itemprop=\"width\" content=\"196\"> <meta itemprop=\"height\" content=\"111\"> <img decoding=\"async\" class=\"\" data-attachment-id=\"218759\" data-orig-file=\"https:\/\/itayachtscanada.com\/wp-content\/uploads\/2025\/04\/Capture-decran-le-2025-04-17-a-15.36.58.jpg\" data-orig-size=\"1728,974\" data-comments-opened=\"1\" data-image-meta=\"{&quot;aperture&quot;:&quot;0&quot;,&quot;credit&quot;:&quot;&quot;,&quot;camera&quot;:&quot;&quot;,&quot;caption&quot;:&quot;&quot;,&quot;created_timestamp&quot;:&quot;0&quot;,&quot;copyright&quot;:&quot;&quot;,&quot;focal_length&quot;:&quot;0&quot;,&quot;iso&quot;:&quot;0&quot;,&quot;shutter_speed&quot;:&quot;0&quot;,&quot;title&quot;:&quot;&quot;,&quot;orientation&quot;:&quot;0&quot;}\" data-image-title=\"Capture d\u2019e\u0301cran, le 2025-04-17 a\u0300 15.36.58\" data-image-description=\"\" data-medium-file=\"https:\/\/i0.wp.com\/itayachtscanada.com\/wp-content\/uploads\/2025\/04\/Capture-decran-le-2025-04-17-a-15.36.58.jpg?fit=300%2C169&#038;ssl=1\" data-large-file=\"https:\/\/i0.wp.com\/itayachtscanada.com\/wp-content\/uploads\/2025\/04\/Capture-decran-le-2025-04-17-a-15.36.58.jpg?fit=700%2C394&#038;ssl=1\" src=\"https:\/\/i0.wp.com\/itayachtscanada.com\/wp-content\/uploads\/2025\/04\/Capture-decran-le-2025-04-17-a-15.36.58.jpg?w=196&#038;h=111&#038;ssl=1\" srcset=\"https:\/\/i0.wp.com\/itayachtscanada.com\/wp-content\/uploads\/2025\/04\/Capture-decran-le-2025-04-17-a-15.36.58.jpg?w=1728&amp;ssl=1 1728w, https:\/\/i0.wp.com\/itayachtscanada.com\/wp-content\/uploads\/2025\/04\/Capture-decran-le-2025-04-17-a-15.36.58.jpg?resize=300%2C169&amp;ssl=1 300w, https:\/\/i0.wp.com\/itayachtscanada.com\/wp-content\/uploads\/2025\/04\/Capture-decran-le-2025-04-17-a-15.36.58.jpg?resize=1024%2C577&amp;ssl=1 1024w, https:\/\/i0.wp.com\/itayachtscanada.com\/wp-content\/uploads\/2025\/04\/Capture-decran-le-2025-04-17-a-15.36.58.jpg?resize=768%2C433&amp;ssl=1 768w, https:\/\/i0.wp.com\/itayachtscanada.com\/wp-content\/uploads\/2025\/04\/Capture-decran-le-2025-04-17-a-15.36.58.jpg?resize=1536%2C866&amp;ssl=1 1536w, https:\/\/i0.wp.com\/itayachtscanada.com\/wp-content\/uploads\/2025\/04\/Capture-decran-le-2025-04-17-a-15.36.58.jpg?resize=700%2C395&amp;ssl=1 700w, https:\/\/i0.wp.com\/itayachtscanada.com\/wp-content\/uploads\/2025\/04\/Capture-decran-le-2025-04-17-a-15.36.58.jpg?resize=710%2C400&amp;ssl=1 710w, https:\/\/i0.wp.com\/itayachtscanada.com\/wp-content\/uploads\/2025\/04\/Capture-decran-le-2025-04-17-a-15.36.58.jpg?w=1400&amp;ssl=1 1400w\" width=\"196\" height=\"111\" loading=\"lazy\" data-original-width=\"196\" data-original-height=\"111\" itemprop=\"http:\/\/schema.org\/image\" title=\"Capture d\u2019e\u0301cran, le 2025-04-17 a\u0300 15.36.58\" alt=\"Capture d\u2019e\u0301cran, le 2025-04-17 a\u0300 15.36.58\" style=\"width: 196px; height: 111px;\" \/> <\/a> <\/div> <div class=\"tiled-gallery-item tiled-gallery-item-small\" itemprop=\"associatedMedia\" itemscope itemtype=\"http:\/\/schema.org\/ImageObject\"> <a href=\"https:\/\/itayachtscanada.com\/fr\/listing\/azimut-grande-27-metri-2021-5644000-usd-for-sale\/capture-decran-le-2025-04-17-a-15-36-54\/\" border=\"0\" itemprop=\"url\"> <meta itemprop=\"width\" content=\"196\"> <meta itemprop=\"height\" content=\"110\"> <img decoding=\"async\" class=\"\" data-attachment-id=\"218760\" data-orig-file=\"https:\/\/itayachtscanada.com\/wp-content\/uploads\/2025\/04\/Capture-decran-le-2025-04-17-a-15.36.54.jpg\" data-orig-size=\"1728,974\" data-comments-opened=\"1\" data-image-meta=\"{&quot;aperture&quot;:&quot;0&quot;,&quot;credit&quot;:&quot;&quot;,&quot;camera&quot;:&quot;&quot;,&quot;caption&quot;:&quot;&quot;,&quot;created_timestamp&quot;:&quot;0&quot;,&quot;copyright&quot;:&quot;&quot;,&quot;focal_length&quot;:&quot;0&quot;,&quot;iso&quot;:&quot;0&quot;,&quot;shutter_speed&quot;:&quot;0&quot;,&quot;title&quot;:&quot;&quot;,&quot;orientation&quot;:&quot;0&quot;}\" data-image-title=\"Capture d\u2019e\u0301cran, le 2025-04-17 a\u0300 15.36.54\" data-image-description=\"\" data-medium-file=\"https:\/\/i0.wp.com\/itayachtscanada.com\/wp-content\/uploads\/2025\/04\/Capture-decran-le-2025-04-17-a-15.36.54.jpg?fit=300%2C169&#038;ssl=1\" data-large-file=\"https:\/\/i0.wp.com\/itayachtscanada.com\/wp-content\/uploads\/2025\/04\/Capture-decran-le-2025-04-17-a-15.36.54.jpg?fit=700%2C394&#038;ssl=1\" src=\"https:\/\/i0.wp.com\/itayachtscanada.com\/wp-content\/uploads\/2025\/04\/Capture-decran-le-2025-04-17-a-15.36.54.jpg?w=196&#038;h=110&#038;ssl=1\" srcset=\"https:\/\/i0.wp.com\/itayachtscanada.com\/wp-content\/uploads\/2025\/04\/Capture-decran-le-2025-04-17-a-15.36.54.jpg?w=1728&amp;ssl=1 1728w, https:\/\/i0.wp.com\/itayachtscanada.com\/wp-content\/uploads\/2025\/04\/Capture-decran-le-2025-04-17-a-15.36.54.jpg?resize=300%2C169&amp;ssl=1 300w, https:\/\/i0.wp.com\/itayachtscanada.com\/wp-content\/uploads\/2025\/04\/Capture-decran-le-2025-04-17-a-15.36.54.jpg?resize=1024%2C577&amp;ssl=1 1024w, https:\/\/i0.wp.com\/itayachtscanada.com\/wp-content\/uploads\/2025\/04\/Capture-decran-le-2025-04-17-a-15.36.54.jpg?resize=768%2C433&amp;ssl=1 768w, https:\/\/i0.wp.com\/itayachtscanada.com\/wp-content\/uploads\/2025\/04\/Capture-decran-le-2025-04-17-a-15.36.54.jpg?resize=1536%2C866&amp;ssl=1 1536w, https:\/\/i0.wp.com\/itayachtscanada.com\/wp-content\/uploads\/2025\/04\/Capture-decran-le-2025-04-17-a-15.36.54.jpg?resize=700%2C395&amp;ssl=1 700w, https:\/\/i0.wp.com\/itayachtscanada.com\/wp-content\/uploads\/2025\/04\/Capture-decran-le-2025-04-17-a-15.36.54.jpg?resize=710%2C400&amp;ssl=1 710w, https:\/\/i0.wp.com\/itayachtscanada.com\/wp-content\/uploads\/2025\/04\/Capture-decran-le-2025-04-17-a-15.36.54.jpg?w=1400&amp;ssl=1 1400w\" width=\"196\" height=\"110\" loading=\"lazy\" data-original-width=\"196\" data-original-height=\"110\" itemprop=\"http:\/\/schema.org\/image\" title=\"Capture d\u2019e\u0301cran, le 2025-04-17 a\u0300 15.36.54\" alt=\"Capture d\u2019e\u0301cran, le 2025-04-17 a\u0300 15.36.54\" style=\"width: 196px; height: 110px;\" \/> <\/a> <\/div> <div class=\"tiled-gallery-item tiled-gallery-item-small\" itemprop=\"associatedMedia\" itemscope itemtype=\"http:\/\/schema.org\/ImageObject\"> <a href=\"https:\/\/itayachtscanada.com\/fr\/listing\/azimut-grande-27-metri-2021-5644000-usd-for-sale\/capture-decran-le-2025-04-17-a-15-36-51\/\" border=\"0\" itemprop=\"url\"> <meta itemprop=\"width\" content=\"196\"> <meta itemprop=\"height\" content=\"110\"> <img decoding=\"async\" class=\"\" data-attachment-id=\"218761\" data-orig-file=\"https:\/\/itayachtscanada.com\/wp-content\/uploads\/2025\/04\/Capture-decran-le-2025-04-17-a-15.36.51.jpg\" data-orig-size=\"1728,974\" data-comments-opened=\"1\" data-image-meta=\"{&quot;aperture&quot;:&quot;0&quot;,&quot;credit&quot;:&quot;&quot;,&quot;camera&quot;:&quot;&quot;,&quot;caption&quot;:&quot;&quot;,&quot;created_timestamp&quot;:&quot;0&quot;,&quot;copyright&quot;:&quot;&quot;,&quot;focal_length&quot;:&quot;0&quot;,&quot;iso&quot;:&quot;0&quot;,&quot;shutter_speed&quot;:&quot;0&quot;,&quot;title&quot;:&quot;&quot;,&quot;orientation&quot;:&quot;0&quot;}\" data-image-title=\"Capture d\u2019e\u0301cran, le 2025-04-17 a\u0300 15.36.51\" data-image-description=\"\" data-medium-file=\"https:\/\/i0.wp.com\/itayachtscanada.com\/wp-content\/uploads\/2025\/04\/Capture-decran-le-2025-04-17-a-15.36.51.jpg?fit=300%2C169&#038;ssl=1\" data-large-file=\"https:\/\/i0.wp.com\/itayachtscanada.com\/wp-content\/uploads\/2025\/04\/Capture-decran-le-2025-04-17-a-15.36.51.jpg?fit=700%2C394&#038;ssl=1\" src=\"https:\/\/i0.wp.com\/itayachtscanada.com\/wp-content\/uploads\/2025\/04\/Capture-decran-le-2025-04-17-a-15.36.51.jpg?w=196&#038;h=110&#038;ssl=1\" srcset=\"https:\/\/i0.wp.com\/itayachtscanada.com\/wp-content\/uploads\/2025\/04\/Capture-decran-le-2025-04-17-a-15.36.51.jpg?w=1728&amp;ssl=1 1728w, https:\/\/i0.wp.com\/itayachtscanada.com\/wp-content\/uploads\/2025\/04\/Capture-decran-le-2025-04-17-a-15.36.51.jpg?resize=300%2C169&amp;ssl=1 300w, https:\/\/i0.wp.com\/itayachtscanada.com\/wp-content\/uploads\/2025\/04\/Capture-decran-le-2025-04-17-a-15.36.51.jpg?resize=1024%2C577&amp;ssl=1 1024w, https:\/\/i0.wp.com\/itayachtscanada.com\/wp-content\/uploads\/2025\/04\/Capture-decran-le-2025-04-17-a-15.36.51.jpg?resize=768%2C433&amp;ssl=1 768w, https:\/\/i0.wp.com\/itayachtscanada.com\/wp-content\/uploads\/2025\/04\/Capture-decran-le-2025-04-17-a-15.36.51.jpg?resize=1536%2C866&amp;ssl=1 1536w, https:\/\/i0.wp.com\/itayachtscanada.com\/wp-content\/uploads\/2025\/04\/Capture-decran-le-2025-04-17-a-15.36.51.jpg?resize=700%2C395&amp;ssl=1 700w, https:\/\/i0.wp.com\/itayachtscanada.com\/wp-content\/uploads\/2025\/04\/Capture-decran-le-2025-04-17-a-15.36.51.jpg?resize=710%2C400&amp;ssl=1 710w, https:\/\/i0.wp.com\/itayachtscanada.com\/wp-content\/uploads\/2025\/04\/Capture-decran-le-2025-04-17-a-15.36.51.jpg?w=1400&amp;ssl=1 1400w\" width=\"196\" height=\"110\" loading=\"lazy\" data-original-width=\"196\" data-original-height=\"110\" itemprop=\"http:\/\/schema.org\/image\" title=\"Capture d\u2019e\u0301cran, le 2025-04-17 a\u0300 15.36.51\" alt=\"Capture d\u2019e\u0301cran, le 2025-04-17 a\u0300 15.36.51\" style=\"width: 196px; height: 110px;\" \/> <\/a> <\/div> <\/div> <!-- close group --> <div class=\"gallery-group images-1\" style=\"width: 301px; height: 343px;\" data-original-width=\"301\" data-original-height=\"343\" > <div class=\"tiled-gallery-item tiled-gallery-item-large\" itemprop=\"associatedMedia\" itemscope itemtype=\"http:\/\/schema.org\/ImageObject\"> <a href=\"https:\/\/itayachtscanada.com\/fr\/listing\/azimut-grande-27-metri-2021-5644000-usd-for-sale\/capture-decran-le-2025-04-17-a-15-35-13\/\" border=\"0\" itemprop=\"url\"> <meta itemprop=\"width\" content=\"297\"> <meta itemprop=\"height\" content=\"339\"> <img decoding=\"async\" class=\"\" data-attachment-id=\"218776\" data-orig-file=\"https:\/\/itayachtscanada.com\/wp-content\/uploads\/2025\/04\/Capture-decran-le-2025-04-17-a-15.35.13.jpg\" data-orig-size=\"1160,1322\" data-comments-opened=\"1\" data-image-meta=\"{&quot;aperture&quot;:&quot;0&quot;,&quot;credit&quot;:&quot;&quot;,&quot;camera&quot;:&quot;&quot;,&quot;caption&quot;:&quot;&quot;,&quot;created_timestamp&quot;:&quot;0&quot;,&quot;copyright&quot;:&quot;&quot;,&quot;focal_length&quot;:&quot;0&quot;,&quot;iso&quot;:&quot;0&quot;,&quot;shutter_speed&quot;:&quot;0&quot;,&quot;title&quot;:&quot;&quot;,&quot;orientation&quot;:&quot;0&quot;}\" data-image-title=\"Capture d\u2019e\u0301cran, le 2025-04-17 a\u0300 15.35.13\" data-image-description=\"\" data-medium-file=\"https:\/\/i0.wp.com\/itayachtscanada.com\/wp-content\/uploads\/2025\/04\/Capture-decran-le-2025-04-17-a-15.35.13.jpg?fit=263%2C300&#038;ssl=1\" data-large-file=\"https:\/\/i0.wp.com\/itayachtscanada.com\/wp-content\/uploads\/2025\/04\/Capture-decran-le-2025-04-17-a-15.35.13.jpg?fit=700%2C797&#038;ssl=1\" src=\"https:\/\/i0.wp.com\/itayachtscanada.com\/wp-content\/uploads\/2025\/04\/Capture-decran-le-2025-04-17-a-15.35.13.jpg?w=297&#038;h=339&#038;ssl=1\" srcset=\"https:\/\/i0.wp.com\/itayachtscanada.com\/wp-content\/uploads\/2025\/04\/Capture-decran-le-2025-04-17-a-15.35.13.jpg?w=1160&amp;ssl=1 1160w, https:\/\/i0.wp.com\/itayachtscanada.com\/wp-content\/uploads\/2025\/04\/Capture-decran-le-2025-04-17-a-15.35.13.jpg?resize=263%2C300&amp;ssl=1 263w, https:\/\/i0.wp.com\/itayachtscanada.com\/wp-content\/uploads\/2025\/04\/Capture-decran-le-2025-04-17-a-15.35.13.jpg?resize=899%2C1024&amp;ssl=1 899w, https:\/\/i0.wp.com\/itayachtscanada.com\/wp-content\/uploads\/2025\/04\/Capture-decran-le-2025-04-17-a-15.35.13.jpg?resize=768%2C875&amp;ssl=1 768w, https:\/\/i0.wp.com\/itayachtscanada.com\/wp-content\/uploads\/2025\/04\/Capture-decran-le-2025-04-17-a-15.35.13.jpg?resize=700%2C798&amp;ssl=1 700w, https:\/\/i0.wp.com\/itayachtscanada.com\/wp-content\/uploads\/2025\/04\/Capture-decran-le-2025-04-17-a-15.35.13.jpg?resize=351%2C400&amp;ssl=1 351w\" width=\"297\" height=\"339\" loading=\"lazy\" data-original-width=\"297\" data-original-height=\"339\" itemprop=\"http:\/\/schema.org\/image\" title=\"Capture d\u2019e\u0301cran, le 2025-04-17 a\u0300 15.35.13\" alt=\"Capture d\u2019e\u0301cran, le 2025-04-17 a\u0300 15.35.13\" style=\"width: 297px; height: 339px;\" \/> <\/a> <\/div> <\/div> <!-- close group --> <div class=\"gallery-group images-3\" style=\"width: 199px; height: 343px;\" data-original-width=\"199\" data-original-height=\"343\" > <div class=\"tiled-gallery-item tiled-gallery-item-small\" itemprop=\"associatedMedia\" itemscope itemtype=\"http:\/\/schema.org\/ImageObject\"> <a href=\"https:\/\/itayachtscanada.com\/fr\/listing\/azimut-grande-27-metri-2021-5644000-usd-for-sale\/capture-decran-le-2025-04-17-a-15-36-47\/\" border=\"0\" itemprop=\"url\"> <meta itemprop=\"width\" content=\"195\"> <meta itemprop=\"height\" content=\"111\"> <img decoding=\"async\" class=\"\" data-attachment-id=\"218762\" data-orig-file=\"https:\/\/itayachtscanada.com\/wp-content\/uploads\/2025\/04\/Capture-decran-le-2025-04-17-a-15.36.47.jpg\" data-orig-size=\"1728,974\" data-comments-opened=\"1\" data-image-meta=\"{&quot;aperture&quot;:&quot;0&quot;,&quot;credit&quot;:&quot;&quot;,&quot;camera&quot;:&quot;&quot;,&quot;caption&quot;:&quot;&quot;,&quot;created_timestamp&quot;:&quot;0&quot;,&quot;copyright&quot;:&quot;&quot;,&quot;focal_length&quot;:&quot;0&quot;,&quot;iso&quot;:&quot;0&quot;,&quot;shutter_speed&quot;:&quot;0&quot;,&quot;title&quot;:&quot;&quot;,&quot;orientation&quot;:&quot;0&quot;}\" data-image-title=\"Capture d\u2019e\u0301cran, le 2025-04-17 a\u0300 15.36.47\" data-image-description=\"\" data-medium-file=\"https:\/\/i0.wp.com\/itayachtscanada.com\/wp-content\/uploads\/2025\/04\/Capture-decran-le-2025-04-17-a-15.36.47.jpg?fit=300%2C169&#038;ssl=1\" data-large-file=\"https:\/\/i0.wp.com\/itayachtscanada.com\/wp-content\/uploads\/2025\/04\/Capture-decran-le-2025-04-17-a-15.36.47.jpg?fit=700%2C394&#038;ssl=1\" src=\"https:\/\/i0.wp.com\/itayachtscanada.com\/wp-content\/uploads\/2025\/04\/Capture-decran-le-2025-04-17-a-15.36.47.jpg?w=195&#038;h=111&#038;ssl=1\" srcset=\"https:\/\/i0.wp.com\/itayachtscanada.com\/wp-content\/uploads\/2025\/04\/Capture-decran-le-2025-04-17-a-15.36.47.jpg?w=1728&amp;ssl=1 1728w, https:\/\/i0.wp.com\/itayachtscanada.com\/wp-content\/uploads\/2025\/04\/Capture-decran-le-2025-04-17-a-15.36.47.jpg?resize=300%2C169&amp;ssl=1 300w, https:\/\/i0.wp.com\/itayachtscanada.com\/wp-content\/uploads\/2025\/04\/Capture-decran-le-2025-04-17-a-15.36.47.jpg?resize=1024%2C577&amp;ssl=1 1024w, https:\/\/i0.wp.com\/itayachtscanada.com\/wp-content\/uploads\/2025\/04\/Capture-decran-le-2025-04-17-a-15.36.47.jpg?resize=768%2C433&amp;ssl=1 768w, https:\/\/i0.wp.com\/itayachtscanada.com\/wp-content\/uploads\/2025\/04\/Capture-decran-le-2025-04-17-a-15.36.47.jpg?resize=1536%2C866&amp;ssl=1 1536w, https:\/\/i0.wp.com\/itayachtscanada.com\/wp-content\/uploads\/2025\/04\/Capture-decran-le-2025-04-17-a-15.36.47.jpg?resize=700%2C395&amp;ssl=1 700w, https:\/\/i0.wp.com\/itayachtscanada.com\/wp-content\/uploads\/2025\/04\/Capture-decran-le-2025-04-17-a-15.36.47.jpg?resize=710%2C400&amp;ssl=1 710w, https:\/\/i0.wp.com\/itayachtscanada.com\/wp-content\/uploads\/2025\/04\/Capture-decran-le-2025-04-17-a-15.36.47.jpg?w=1400&amp;ssl=1 1400w\" width=\"195\" height=\"111\" loading=\"lazy\" data-original-width=\"195\" data-original-height=\"111\" itemprop=\"http:\/\/schema.org\/image\" title=\"Capture d\u2019e\u0301cran, le 2025-04-17 a\u0300 15.36.47\" alt=\"Capture d\u2019e\u0301cran, le 2025-04-17 a\u0300 15.36.47\" style=\"width: 195px; height: 111px;\" \/> <\/a> <\/div> <div class=\"tiled-gallery-item tiled-gallery-item-small\" itemprop=\"associatedMedia\" itemscope itemtype=\"http:\/\/schema.org\/ImageObject\"> <a href=\"https:\/\/itayachtscanada.com\/fr\/listing\/azimut-grande-27-metri-2021-5644000-usd-for-sale\/capture-decran-le-2025-04-17-a-15-36-44\/\" border=\"0\" itemprop=\"url\"> <meta itemprop=\"width\" content=\"195\"> <meta itemprop=\"height\" content=\"110\"> <img decoding=\"async\" class=\"\" data-attachment-id=\"218763\" data-orig-file=\"https:\/\/itayachtscanada.com\/wp-content\/uploads\/2025\/04\/Capture-decran-le-2025-04-17-a-15.36.44.jpg\" data-orig-size=\"1728,974\" data-comments-opened=\"1\" data-image-meta=\"{&quot;aperture&quot;:&quot;0&quot;,&quot;credit&quot;:&quot;&quot;,&quot;camera&quot;:&quot;&quot;,&quot;caption&quot;:&quot;&quot;,&quot;created_timestamp&quot;:&quot;0&quot;,&quot;copyright&quot;:&quot;&quot;,&quot;focal_length&quot;:&quot;0&quot;,&quot;iso&quot;:&quot;0&quot;,&quot;shutter_speed&quot;:&quot;0&quot;,&quot;title&quot;:&quot;&quot;,&quot;orientation&quot;:&quot;0&quot;}\" data-image-title=\"Capture d\u2019e\u0301cran, le 2025-04-17 a\u0300 15.36.44\" data-image-description=\"\" data-medium-file=\"https:\/\/i0.wp.com\/itayachtscanada.com\/wp-content\/uploads\/2025\/04\/Capture-decran-le-2025-04-17-a-15.36.44.jpg?fit=300%2C169&#038;ssl=1\" data-large-file=\"https:\/\/i0.wp.com\/itayachtscanada.com\/wp-content\/uploads\/2025\/04\/Capture-decran-le-2025-04-17-a-15.36.44.jpg?fit=700%2C394&#038;ssl=1\" src=\"https:\/\/i0.wp.com\/itayachtscanada.com\/wp-content\/uploads\/2025\/04\/Capture-decran-le-2025-04-17-a-15.36.44.jpg?w=195&#038;h=110&#038;ssl=1\" srcset=\"https:\/\/i0.wp.com\/itayachtscanada.com\/wp-content\/uploads\/2025\/04\/Capture-decran-le-2025-04-17-a-15.36.44.jpg?w=1728&amp;ssl=1 1728w, https:\/\/i0.wp.com\/itayachtscanada.com\/wp-content\/uploads\/2025\/04\/Capture-decran-le-2025-04-17-a-15.36.44.jpg?resize=300%2C169&amp;ssl=1 300w, https:\/\/i0.wp.com\/itayachtscanada.com\/wp-content\/uploads\/2025\/04\/Capture-decran-le-2025-04-17-a-15.36.44.jpg?resize=1024%2C577&amp;ssl=1 1024w, https:\/\/i0.wp.com\/itayachtscanada.com\/wp-content\/uploads\/2025\/04\/Capture-decran-le-2025-04-17-a-15.36.44.jpg?resize=768%2C433&amp;ssl=1 768w, https:\/\/i0.wp.com\/itayachtscanada.com\/wp-content\/uploads\/2025\/04\/Capture-decran-le-2025-04-17-a-15.36.44.jpg?resize=1536%2C866&amp;ssl=1 1536w, https:\/\/i0.wp.com\/itayachtscanada.com\/wp-content\/uploads\/2025\/04\/Capture-decran-le-2025-04-17-a-15.36.44.jpg?resize=700%2C395&amp;ssl=1 700w, https:\/\/i0.wp.com\/itayachtscanada.com\/wp-content\/uploads\/2025\/04\/Capture-decran-le-2025-04-17-a-15.36.44.jpg?resize=710%2C400&amp;ssl=1 710w, https:\/\/i0.wp.com\/itayachtscanada.com\/wp-content\/uploads\/2025\/04\/Capture-decran-le-2025-04-17-a-15.36.44.jpg?w=1400&amp;ssl=1 1400w\" width=\"195\" height=\"110\" loading=\"lazy\" data-original-width=\"195\" data-original-height=\"110\" itemprop=\"http:\/\/schema.org\/image\" title=\"Capture d\u2019e\u0301cran, le 2025-04-17 a\u0300 15.36.44\" alt=\"Capture d\u2019e\u0301cran, le 2025-04-17 a\u0300 15.36.44\" style=\"width: 195px; height: 110px;\" \/> <\/a> <\/div> <div class=\"tiled-gallery-item tiled-gallery-item-small\" itemprop=\"associatedMedia\" itemscope itemtype=\"http:\/\/schema.org\/ImageObject\"> <a href=\"https:\/\/itayachtscanada.com\/fr\/listing\/azimut-grande-27-metri-2021-5644000-usd-for-sale\/capture-decran-le-2025-04-17-a-15-36-41\/\" border=\"0\" itemprop=\"url\"> <meta itemprop=\"width\" content=\"195\"> <meta itemprop=\"height\" content=\"110\"> <img decoding=\"async\" class=\"\" data-attachment-id=\"218764\" data-orig-file=\"https:\/\/itayachtscanada.com\/wp-content\/uploads\/2025\/04\/Capture-decran-le-2025-04-17-a-15.36.41.jpg\" data-orig-size=\"1728,974\" data-comments-opened=\"1\" data-image-meta=\"{&quot;aperture&quot;:&quot;0&quot;,&quot;credit&quot;:&quot;&quot;,&quot;camera&quot;:&quot;&quot;,&quot;caption&quot;:&quot;&quot;,&quot;created_timestamp&quot;:&quot;0&quot;,&quot;copyright&quot;:&quot;&quot;,&quot;focal_length&quot;:&quot;0&quot;,&quot;iso&quot;:&quot;0&quot;,&quot;shutter_speed&quot;:&quot;0&quot;,&quot;title&quot;:&quot;&quot;,&quot;orientation&quot;:&quot;0&quot;}\" data-image-title=\"Capture d\u2019e\u0301cran, le 2025-04-17 a\u0300 15.36.41\" data-image-description=\"\" data-medium-file=\"https:\/\/i0.wp.com\/itayachtscanada.com\/wp-content\/uploads\/2025\/04\/Capture-decran-le-2025-04-17-a-15.36.41.jpg?fit=300%2C169&#038;ssl=1\" data-large-file=\"https:\/\/i0.wp.com\/itayachtscanada.com\/wp-content\/uploads\/2025\/04\/Capture-decran-le-2025-04-17-a-15.36.41.jpg?fit=700%2C394&#038;ssl=1\" src=\"https:\/\/i0.wp.com\/itayachtscanada.com\/wp-content\/uploads\/2025\/04\/Capture-decran-le-2025-04-17-a-15.36.41.jpg?w=195&#038;h=110&#038;ssl=1\" srcset=\"https:\/\/i0.wp.com\/itayachtscanada.com\/wp-content\/uploads\/2025\/04\/Capture-decran-le-2025-04-17-a-15.36.41.jpg?w=1728&amp;ssl=1 1728w, https:\/\/i0.wp.com\/itayachtscanada.com\/wp-content\/uploads\/2025\/04\/Capture-decran-le-2025-04-17-a-15.36.41.jpg?resize=300%2C169&amp;ssl=1 300w, https:\/\/i0.wp.com\/itayachtscanada.com\/wp-content\/uploads\/2025\/04\/Capture-decran-le-2025-04-17-a-15.36.41.jpg?resize=1024%2C577&amp;ssl=1 1024w, https:\/\/i0.wp.com\/itayachtscanada.com\/wp-content\/uploads\/2025\/04\/Capture-decran-le-2025-04-17-a-15.36.41.jpg?resize=768%2C433&amp;ssl=1 768w, https:\/\/i0.wp.com\/itayachtscanada.com\/wp-content\/uploads\/2025\/04\/Capture-decran-le-2025-04-17-a-15.36.41.jpg?resize=1536%2C866&amp;ssl=1 1536w, https:\/\/i0.wp.com\/itayachtscanada.com\/wp-content\/uploads\/2025\/04\/Capture-decran-le-2025-04-17-a-15.36.41.jpg?resize=700%2C395&amp;ssl=1 700w, https:\/\/i0.wp.com\/itayachtscanada.com\/wp-content\/uploads\/2025\/04\/Capture-decran-le-2025-04-17-a-15.36.41.jpg?resize=710%2C400&amp;ssl=1 710w, https:\/\/i0.wp.com\/itayachtscanada.com\/wp-content\/uploads\/2025\/04\/Capture-decran-le-2025-04-17-a-15.36.41.jpg?w=1400&amp;ssl=1 1400w\" width=\"195\" height=\"110\" loading=\"lazy\" data-original-width=\"195\" data-original-height=\"110\" itemprop=\"http:\/\/schema.org\/image\" title=\"Capture d\u2019e\u0301cran, le 2025-04-17 a\u0300 15.36.41\" alt=\"Capture d\u2019e\u0301cran, le 2025-04-17 a\u0300 15.36.41\" style=\"width: 195px; height: 110px;\" \/> <\/a> <\/div> <\/div> <!-- close group --> <\/div> <!-- close row --> <div class=\"gallery-row\" style=\"width: 700px; height: 199px;\" data-original-width=\"700\" data-original-height=\"199\" > <div class=\"gallery-group images-1\" style=\"width: 350px; height: 199px;\" data-original-width=\"350\" data-original-height=\"199\" > <div class=\"tiled-gallery-item tiled-gallery-item-large\" itemprop=\"associatedMedia\" itemscope itemtype=\"http:\/\/schema.org\/ImageObject\"> <a href=\"https:\/\/itayachtscanada.com\/fr\/listing\/azimut-grande-27-metri-2021-5644000-usd-for-sale\/capture-decran-le-2025-04-17-a-15-36-39\/\" border=\"0\" itemprop=\"url\"> <meta itemprop=\"width\" content=\"346\"> <meta itemprop=\"height\" content=\"195\"> <img decoding=\"async\" class=\"\" data-attachment-id=\"218765\" data-orig-file=\"https:\/\/itayachtscanada.com\/wp-content\/uploads\/2025\/04\/Capture-decran-le-2025-04-17-a-15.36.39.jpg\" data-orig-size=\"1728,974\" data-comments-opened=\"1\" data-image-meta=\"{&quot;aperture&quot;:&quot;0&quot;,&quot;credit&quot;:&quot;&quot;,&quot;camera&quot;:&quot;&quot;,&quot;caption&quot;:&quot;&quot;,&quot;created_timestamp&quot;:&quot;0&quot;,&quot;copyright&quot;:&quot;&quot;,&quot;focal_length&quot;:&quot;0&quot;,&quot;iso&quot;:&quot;0&quot;,&quot;shutter_speed&quot;:&quot;0&quot;,&quot;title&quot;:&quot;&quot;,&quot;orientation&quot;:&quot;0&quot;}\" data-image-title=\"Capture d\u2019e\u0301cran, le 2025-04-17 a\u0300 15.36.39\" data-image-description=\"\" data-medium-file=\"https:\/\/i0.wp.com\/itayachtscanada.com\/wp-content\/uploads\/2025\/04\/Capture-decran-le-2025-04-17-a-15.36.39.jpg?fit=300%2C169&#038;ssl=1\" data-large-file=\"https:\/\/i0.wp.com\/itayachtscanada.com\/wp-content\/uploads\/2025\/04\/Capture-decran-le-2025-04-17-a-15.36.39.jpg?fit=700%2C394&#038;ssl=1\" src=\"https:\/\/i0.wp.com\/itayachtscanada.com\/wp-content\/uploads\/2025\/04\/Capture-decran-le-2025-04-17-a-15.36.39.jpg?w=346&#038;h=195&#038;ssl=1\" srcset=\"https:\/\/i0.wp.com\/itayachtscanada.com\/wp-content\/uploads\/2025\/04\/Capture-decran-le-2025-04-17-a-15.36.39.jpg?w=1728&amp;ssl=1 1728w, https:\/\/i0.wp.com\/itayachtscanada.com\/wp-content\/uploads\/2025\/04\/Capture-decran-le-2025-04-17-a-15.36.39.jpg?resize=300%2C169&amp;ssl=1 300w, https:\/\/i0.wp.com\/itayachtscanada.com\/wp-content\/uploads\/2025\/04\/Capture-decran-le-2025-04-17-a-15.36.39.jpg?resize=1024%2C577&amp;ssl=1 1024w, https:\/\/i0.wp.com\/itayachtscanada.com\/wp-content\/uploads\/2025\/04\/Capture-decran-le-2025-04-17-a-15.36.39.jpg?resize=768%2C433&amp;ssl=1 768w, https:\/\/i0.wp.com\/itayachtscanada.com\/wp-content\/uploads\/2025\/04\/Capture-decran-le-2025-04-17-a-15.36.39.jpg?resize=1536%2C866&amp;ssl=1 1536w, https:\/\/i0.wp.com\/itayachtscanada.com\/wp-content\/uploads\/2025\/04\/Capture-decran-le-2025-04-17-a-15.36.39.jpg?resize=700%2C395&amp;ssl=1 700w, https:\/\/i0.wp.com\/itayachtscanada.com\/wp-content\/uploads\/2025\/04\/Capture-decran-le-2025-04-17-a-15.36.39.jpg?resize=710%2C400&amp;ssl=1 710w, https:\/\/i0.wp.com\/itayachtscanada.com\/wp-content\/uploads\/2025\/04\/Capture-decran-le-2025-04-17-a-15.36.39.jpg?w=1400&amp;ssl=1 1400w\" width=\"346\" height=\"195\" loading=\"lazy\" data-original-width=\"346\" data-original-height=\"195\" itemprop=\"http:\/\/schema.org\/image\" title=\"Capture d\u2019e\u0301cran, le 2025-04-17 a\u0300 15.36.39\" alt=\"Capture d\u2019e\u0301cran, le 2025-04-17 a\u0300 15.36.39\" style=\"width: 346px; height: 195px;\" \/> <\/a> <\/div> <\/div> <!-- close group --> <div class=\"gallery-group images-1\" style=\"width: 350px; height: 199px;\" data-original-width=\"350\" data-original-height=\"199\" > <div class=\"tiled-gallery-item tiled-gallery-item-large\" itemprop=\"associatedMedia\" itemscope itemtype=\"http:\/\/schema.org\/ImageObject\"> <a href=\"https:\/\/itayachtscanada.com\/fr\/listing\/azimut-grande-27-metri-2021-5644000-usd-for-sale\/capture-decran-le-2025-04-17-a-15-36-36\/\" border=\"0\" itemprop=\"url\"> <meta itemprop=\"width\" content=\"346\"> <meta itemprop=\"height\" content=\"195\"> <img decoding=\"async\" class=\"\" data-attachment-id=\"218766\" data-orig-file=\"https:\/\/itayachtscanada.com\/wp-content\/uploads\/2025\/04\/Capture-decran-le-2025-04-17-a-15.36.36.jpg\" data-orig-size=\"1728,974\" data-comments-opened=\"1\" data-image-meta=\"{&quot;aperture&quot;:&quot;0&quot;,&quot;credit&quot;:&quot;&quot;,&quot;camera&quot;:&quot;&quot;,&quot;caption&quot;:&quot;&quot;,&quot;created_timestamp&quot;:&quot;0&quot;,&quot;copyright&quot;:&quot;&quot;,&quot;focal_length&quot;:&quot;0&quot;,&quot;iso&quot;:&quot;0&quot;,&quot;shutter_speed&quot;:&quot;0&quot;,&quot;title&quot;:&quot;&quot;,&quot;orientation&quot;:&quot;0&quot;}\" data-image-title=\"Capture d\u2019e\u0301cran, le 2025-04-17 a\u0300 15.36.36\" data-image-description=\"\" data-medium-file=\"https:\/\/i0.wp.com\/itayachtscanada.com\/wp-content\/uploads\/2025\/04\/Capture-decran-le-2025-04-17-a-15.36.36.jpg?fit=300%2C169&#038;ssl=1\" data-large-file=\"https:\/\/i0.wp.com\/itayachtscanada.com\/wp-content\/uploads\/2025\/04\/Capture-decran-le-2025-04-17-a-15.36.36.jpg?fit=700%2C394&#038;ssl=1\" src=\"https:\/\/i0.wp.com\/itayachtscanada.com\/wp-content\/uploads\/2025\/04\/Capture-decran-le-2025-04-17-a-15.36.36.jpg?w=346&#038;h=195&#038;ssl=1\" srcset=\"https:\/\/i0.wp.com\/itayachtscanada.com\/wp-content\/uploads\/2025\/04\/Capture-decran-le-2025-04-17-a-15.36.36.jpg?w=1728&amp;ssl=1 1728w, https:\/\/i0.wp.com\/itayachtscanada.com\/wp-content\/uploads\/2025\/04\/Capture-decran-le-2025-04-17-a-15.36.36.jpg?resize=300%2C169&amp;ssl=1 300w, https:\/\/i0.wp.com\/itayachtscanada.com\/wp-content\/uploads\/2025\/04\/Capture-decran-le-2025-04-17-a-15.36.36.jpg?resize=1024%2C577&amp;ssl=1 1024w, https:\/\/i0.wp.com\/itayachtscanada.com\/wp-content\/uploads\/2025\/04\/Capture-decran-le-2025-04-17-a-15.36.36.jpg?resize=768%2C433&amp;ssl=1 768w, https:\/\/i0.wp.com\/itayachtscanada.com\/wp-content\/uploads\/2025\/04\/Capture-decran-le-2025-04-17-a-15.36.36.jpg?resize=1536%2C866&amp;ssl=1 1536w, https:\/\/i0.wp.com\/itayachtscanada.com\/wp-content\/uploads\/2025\/04\/Capture-decran-le-2025-04-17-a-15.36.36.jpg?resize=700%2C395&amp;ssl=1 700w, https:\/\/i0.wp.com\/itayachtscanada.com\/wp-content\/uploads\/2025\/04\/Capture-decran-le-2025-04-17-a-15.36.36.jpg?resize=710%2C400&amp;ssl=1 710w, https:\/\/i0.wp.com\/itayachtscanada.com\/wp-content\/uploads\/2025\/04\/Capture-decran-le-2025-04-17-a-15.36.36.jpg?w=1400&amp;ssl=1 1400w\" width=\"346\" height=\"195\" loading=\"lazy\" data-original-width=\"346\" data-original-height=\"195\" itemprop=\"http:\/\/schema.org\/image\" title=\"Capture d\u2019e\u0301cran, le 2025-04-17 a\u0300 15.36.36\" alt=\"Capture d\u2019e\u0301cran, le 2025-04-17 a\u0300 15.36.36\" style=\"width: 346px; height: 195px;\" \/> <\/a> <\/div> <\/div> <!-- close group --> <\/div> <!-- close row --> <div class=\"gallery-row\" style=\"width: 700px; height: 199px;\" data-original-width=\"700\" data-original-height=\"199\" > <div class=\"gallery-group images-1\" style=\"width: 350px; height: 199px;\" data-original-width=\"350\" data-original-height=\"199\" > <div class=\"tiled-gallery-item tiled-gallery-item-large\" itemprop=\"associatedMedia\" itemscope itemtype=\"http:\/\/schema.org\/ImageObject\"> <a href=\"https:\/\/itayachtscanada.com\/fr\/listing\/azimut-grande-27-metri-2021-5644000-usd-for-sale\/capture-decran-le-2025-04-17-a-15-36-33\/\" border=\"0\" itemprop=\"url\"> <meta itemprop=\"width\" content=\"346\"> <meta itemprop=\"height\" content=\"195\"> <img decoding=\"async\" class=\"\" data-attachment-id=\"218767\" data-orig-file=\"https:\/\/itayachtscanada.com\/wp-content\/uploads\/2025\/04\/Capture-decran-le-2025-04-17-a-15.36.33.jpg\" data-orig-size=\"1728,974\" data-comments-opened=\"1\" data-image-meta=\"{&quot;aperture&quot;:&quot;0&quot;,&quot;credit&quot;:&quot;&quot;,&quot;camera&quot;:&quot;&quot;,&quot;caption&quot;:&quot;&quot;,&quot;created_timestamp&quot;:&quot;0&quot;,&quot;copyright&quot;:&quot;&quot;,&quot;focal_length&quot;:&quot;0&quot;,&quot;iso&quot;:&quot;0&quot;,&quot;shutter_speed&quot;:&quot;0&quot;,&quot;title&quot;:&quot;&quot;,&quot;orientation&quot;:&quot;0&quot;}\" data-image-title=\"Capture d\u2019e\u0301cran, le 2025-04-17 a\u0300 15.36.33\" data-image-description=\"\" data-medium-file=\"https:\/\/i0.wp.com\/itayachtscanada.com\/wp-content\/uploads\/2025\/04\/Capture-decran-le-2025-04-17-a-15.36.33.jpg?fit=300%2C169&#038;ssl=1\" data-large-file=\"https:\/\/i0.wp.com\/itayachtscanada.com\/wp-content\/uploads\/2025\/04\/Capture-decran-le-2025-04-17-a-15.36.33.jpg?fit=700%2C394&#038;ssl=1\" src=\"https:\/\/i0.wp.com\/itayachtscanada.com\/wp-content\/uploads\/2025\/04\/Capture-decran-le-2025-04-17-a-15.36.33.jpg?w=346&#038;h=195&#038;ssl=1\" srcset=\"https:\/\/i0.wp.com\/itayachtscanada.com\/wp-content\/uploads\/2025\/04\/Capture-decran-le-2025-04-17-a-15.36.33.jpg?w=1728&amp;ssl=1 1728w, https:\/\/i0.wp.com\/itayachtscanada.com\/wp-content\/uploads\/2025\/04\/Capture-decran-le-2025-04-17-a-15.36.33.jpg?resize=300%2C169&amp;ssl=1 300w, https:\/\/i0.wp.com\/itayachtscanada.com\/wp-content\/uploads\/2025\/04\/Capture-decran-le-2025-04-17-a-15.36.33.jpg?resize=1024%2C577&amp;ssl=1 1024w, https:\/\/i0.wp.com\/itayachtscanada.com\/wp-content\/uploads\/2025\/04\/Capture-decran-le-2025-04-17-a-15.36.33.jpg?resize=768%2C433&amp;ssl=1 768w, https:\/\/i0.wp.com\/itayachtscanada.com\/wp-content\/uploads\/2025\/04\/Capture-decran-le-2025-04-17-a-15.36.33.jpg?resize=1536%2C866&amp;ssl=1 1536w, https:\/\/i0.wp.com\/itayachtscanada.com\/wp-content\/uploads\/2025\/04\/Capture-decran-le-2025-04-17-a-15.36.33.jpg?resize=700%2C395&amp;ssl=1 700w, https:\/\/i0.wp.com\/itayachtscanada.com\/wp-content\/uploads\/2025\/04\/Capture-decran-le-2025-04-17-a-15.36.33.jpg?resize=710%2C400&amp;ssl=1 710w, https:\/\/i0.wp.com\/itayachtscanada.com\/wp-content\/uploads\/2025\/04\/Capture-decran-le-2025-04-17-a-15.36.33.jpg?w=1400&amp;ssl=1 1400w\" width=\"346\" height=\"195\" loading=\"lazy\" data-original-width=\"346\" data-original-height=\"195\" itemprop=\"http:\/\/schema.org\/image\" title=\"Capture d\u2019e\u0301cran, le 2025-04-17 a\u0300 15.36.33\" alt=\"Capture d\u2019e\u0301cran, le 2025-04-17 a\u0300 15.36.33\" style=\"width: 346px; height: 195px;\" \/> <\/a> <\/div> <\/div> <!-- close group --> <div class=\"gallery-group images-1\" style=\"width: 350px; height: 199px;\" data-original-width=\"350\" data-original-height=\"199\" > <div class=\"tiled-gallery-item tiled-gallery-item-large\" itemprop=\"associatedMedia\" itemscope itemtype=\"http:\/\/schema.org\/ImageObject\"> <a href=\"https:\/\/itayachtscanada.com\/fr\/listing\/azimut-grande-27-metri-2021-5644000-usd-for-sale\/capture-decran-le-2025-04-17-a-15-36-29\/\" border=\"0\" itemprop=\"url\"> <meta itemprop=\"width\" content=\"346\"> <meta itemprop=\"height\" content=\"195\"> <img decoding=\"async\" class=\"\" data-attachment-id=\"218768\" data-orig-file=\"https:\/\/itayachtscanada.com\/wp-content\/uploads\/2025\/04\/Capture-decran-le-2025-04-17-a-15.36.29.jpg\" data-orig-size=\"1728,974\" data-comments-opened=\"1\" data-image-meta=\"{&quot;aperture&quot;:&quot;0&quot;,&quot;credit&quot;:&quot;&quot;,&quot;camera&quot;:&quot;&quot;,&quot;caption&quot;:&quot;&quot;,&quot;created_timestamp&quot;:&quot;0&quot;,&quot;copyright&quot;:&quot;&quot;,&quot;focal_length&quot;:&quot;0&quot;,&quot;iso&quot;:&quot;0&quot;,&quot;shutter_speed&quot;:&quot;0&quot;,&quot;title&quot;:&quot;&quot;,&quot;orientation&quot;:&quot;0&quot;}\" data-image-title=\"Capture d\u2019e\u0301cran, le 2025-04-17 a\u0300 15.36.29\" data-image-description=\"\" data-medium-file=\"https:\/\/i0.wp.com\/itayachtscanada.com\/wp-content\/uploads\/2025\/04\/Capture-decran-le-2025-04-17-a-15.36.29.jpg?fit=300%2C169&#038;ssl=1\" data-large-file=\"https:\/\/i0.wp.com\/itayachtscanada.com\/wp-content\/uploads\/2025\/04\/Capture-decran-le-2025-04-17-a-15.36.29.jpg?fit=700%2C394&#038;ssl=1\" src=\"https:\/\/i0.wp.com\/itayachtscanada.com\/wp-content\/uploads\/2025\/04\/Capture-decran-le-2025-04-17-a-15.36.29.jpg?w=346&#038;h=195&#038;ssl=1\" srcset=\"https:\/\/i0.wp.com\/itayachtscanada.com\/wp-content\/uploads\/2025\/04\/Capture-decran-le-2025-04-17-a-15.36.29.jpg?w=1728&amp;ssl=1 1728w, https:\/\/i0.wp.com\/itayachtscanada.com\/wp-content\/uploads\/2025\/04\/Capture-decran-le-2025-04-17-a-15.36.29.jpg?resize=300%2C169&amp;ssl=1 300w, https:\/\/i0.wp.com\/itayachtscanada.com\/wp-content\/uploads\/2025\/04\/Capture-decran-le-2025-04-17-a-15.36.29.jpg?resize=1024%2C577&amp;ssl=1 1024w, https:\/\/i0.wp.com\/itayachtscanada.com\/wp-content\/uploads\/2025\/04\/Capture-decran-le-2025-04-17-a-15.36.29.jpg?resize=768%2C433&amp;ssl=1 768w, https:\/\/i0.wp.com\/itayachtscanada.com\/wp-content\/uploads\/2025\/04\/Capture-decran-le-2025-04-17-a-15.36.29.jpg?resize=1536%2C866&amp;ssl=1 1536w, https:\/\/i0.wp.com\/itayachtscanada.com\/wp-content\/uploads\/2025\/04\/Capture-decran-le-2025-04-17-a-15.36.29.jpg?resize=700%2C395&amp;ssl=1 700w, https:\/\/i0.wp.com\/itayachtscanada.com\/wp-content\/uploads\/2025\/04\/Capture-decran-le-2025-04-17-a-15.36.29.jpg?resize=710%2C400&amp;ssl=1 710w, https:\/\/i0.wp.com\/itayachtscanada.com\/wp-content\/uploads\/2025\/04\/Capture-decran-le-2025-04-17-a-15.36.29.jpg?w=1400&amp;ssl=1 1400w\" width=\"346\" height=\"195\" loading=\"lazy\" data-original-width=\"346\" data-original-height=\"195\" itemprop=\"http:\/\/schema.org\/image\" title=\"Capture d\u2019e\u0301cran, le 2025-04-17 a\u0300 15.36.29\" alt=\"Capture d\u2019e\u0301cran, le 2025-04-17 a\u0300 15.36.29\" style=\"width: 346px; height: 195px;\" \/> <\/a> <\/div> <\/div> <!-- close group --> <\/div> <!-- close row --> <div class=\"gallery-row\" style=\"width: 700px; height: 199px;\" data-original-width=\"700\" data-original-height=\"199\" > <div class=\"gallery-group images-1\" style=\"width: 350px; height: 199px;\" data-original-width=\"350\" data-original-height=\"199\" > <div class=\"tiled-gallery-item tiled-gallery-item-large\" itemprop=\"associatedMedia\" itemscope itemtype=\"http:\/\/schema.org\/ImageObject\"> <a href=\"https:\/\/itayachtscanada.com\/fr\/listing\/azimut-grande-27-metri-2021-5644000-usd-for-sale\/capture-decran-le-2025-04-17-a-15-36-15\/\" border=\"0\" itemprop=\"url\"> <meta itemprop=\"width\" content=\"346\"> <meta itemprop=\"height\" content=\"195\"> <img decoding=\"async\" class=\"\" data-attachment-id=\"218769\" data-orig-file=\"https:\/\/itayachtscanada.com\/wp-content\/uploads\/2025\/04\/Capture-decran-le-2025-04-17-a-15.36.15.jpg\" data-orig-size=\"1728,974\" data-comments-opened=\"1\" data-image-meta=\"{&quot;aperture&quot;:&quot;0&quot;,&quot;credit&quot;:&quot;&quot;,&quot;camera&quot;:&quot;&quot;,&quot;caption&quot;:&quot;&quot;,&quot;created_timestamp&quot;:&quot;0&quot;,&quot;copyright&quot;:&quot;&quot;,&quot;focal_length&quot;:&quot;0&quot;,&quot;iso&quot;:&quot;0&quot;,&quot;shutter_speed&quot;:&quot;0&quot;,&quot;title&quot;:&quot;&quot;,&quot;orientation&quot;:&quot;0&quot;}\" data-image-title=\"Capture d\u2019e\u0301cran, le 2025-04-17 a\u0300 15.36.15\" data-image-description=\"\" data-medium-file=\"https:\/\/i0.wp.com\/itayachtscanada.com\/wp-content\/uploads\/2025\/04\/Capture-decran-le-2025-04-17-a-15.36.15.jpg?fit=300%2C169&#038;ssl=1\" data-large-file=\"https:\/\/i0.wp.com\/itayachtscanada.com\/wp-content\/uploads\/2025\/04\/Capture-decran-le-2025-04-17-a-15.36.15.jpg?fit=700%2C394&#038;ssl=1\" src=\"https:\/\/i0.wp.com\/itayachtscanada.com\/wp-content\/uploads\/2025\/04\/Capture-decran-le-2025-04-17-a-15.36.15.jpg?w=346&#038;h=195&#038;ssl=1\" srcset=\"https:\/\/i0.wp.com\/itayachtscanada.com\/wp-content\/uploads\/2025\/04\/Capture-decran-le-2025-04-17-a-15.36.15.jpg?w=1728&amp;ssl=1 1728w, https:\/\/i0.wp.com\/itayachtscanada.com\/wp-content\/uploads\/2025\/04\/Capture-decran-le-2025-04-17-a-15.36.15.jpg?resize=300%2C169&amp;ssl=1 300w, https:\/\/i0.wp.com\/itayachtscanada.com\/wp-content\/uploads\/2025\/04\/Capture-decran-le-2025-04-17-a-15.36.15.jpg?resize=1024%2C577&amp;ssl=1 1024w, https:\/\/i0.wp.com\/itayachtscanada.com\/wp-content\/uploads\/2025\/04\/Capture-decran-le-2025-04-17-a-15.36.15.jpg?resize=768%2C433&amp;ssl=1 768w, https:\/\/i0.wp.com\/itayachtscanada.com\/wp-content\/uploads\/2025\/04\/Capture-decran-le-2025-04-17-a-15.36.15.jpg?resize=1536%2C866&amp;ssl=1 1536w, https:\/\/i0.wp.com\/itayachtscanada.com\/wp-content\/uploads\/2025\/04\/Capture-decran-le-2025-04-17-a-15.36.15.jpg?resize=700%2C395&amp;ssl=1 700w, https:\/\/i0.wp.com\/itayachtscanada.com\/wp-content\/uploads\/2025\/04\/Capture-decran-le-2025-04-17-a-15.36.15.jpg?resize=710%2C400&amp;ssl=1 710w, https:\/\/i0.wp.com\/itayachtscanada.com\/wp-content\/uploads\/2025\/04\/Capture-decran-le-2025-04-17-a-15.36.15.jpg?w=1400&amp;ssl=1 1400w\" width=\"346\" height=\"195\" loading=\"lazy\" data-original-width=\"346\" data-original-height=\"195\" itemprop=\"http:\/\/schema.org\/image\" title=\"Capture d\u2019e\u0301cran, le 2025-04-17 a\u0300 15.36.15\" alt=\"Capture d\u2019e\u0301cran, le 2025-04-17 a\u0300 15.36.15\" style=\"width: 346px; height: 195px;\" \/> <\/a> <\/div> <\/div> <!-- close group --> <div class=\"gallery-group images-1\" style=\"width: 350px; height: 199px;\" data-original-width=\"350\" data-original-height=\"199\" > <div class=\"tiled-gallery-item tiled-gallery-item-large\" itemprop=\"associatedMedia\" itemscope itemtype=\"http:\/\/schema.org\/ImageObject\"> <a href=\"https:\/\/itayachtscanada.com\/fr\/listing\/azimut-grande-27-metri-2021-5644000-usd-for-sale\/capture-decran-le-2025-04-17-a-15-36-10\/\" border=\"0\" itemprop=\"url\"> <meta itemprop=\"width\" content=\"346\"> <meta itemprop=\"height\" content=\"195\"> <img decoding=\"async\" class=\"\" data-attachment-id=\"218770\" data-orig-file=\"https:\/\/itayachtscanada.com\/wp-content\/uploads\/2025\/04\/Capture-decran-le-2025-04-17-a-15.36.10.jpg\" data-orig-size=\"1728,974\" data-comments-opened=\"1\" data-image-meta=\"{&quot;aperture&quot;:&quot;0&quot;,&quot;credit&quot;:&quot;&quot;,&quot;camera&quot;:&quot;&quot;,&quot;caption&quot;:&quot;&quot;,&quot;created_timestamp&quot;:&quot;0&quot;,&quot;copyright&quot;:&quot;&quot;,&quot;focal_length&quot;:&quot;0&quot;,&quot;iso&quot;:&quot;0&quot;,&quot;shutter_speed&quot;:&quot;0&quot;,&quot;title&quot;:&quot;&quot;,&quot;orientation&quot;:&quot;0&quot;}\" data-image-title=\"Capture d\u2019e\u0301cran, le 2025-04-17 a\u0300 15.36.10\" data-image-description=\"\" data-medium-file=\"https:\/\/i0.wp.com\/itayachtscanada.com\/wp-content\/uploads\/2025\/04\/Capture-decran-le-2025-04-17-a-15.36.10.jpg?fit=300%2C169&#038;ssl=1\" data-large-file=\"https:\/\/i0.wp.com\/itayachtscanada.com\/wp-content\/uploads\/2025\/04\/Capture-decran-le-2025-04-17-a-15.36.10.jpg?fit=700%2C394&#038;ssl=1\" src=\"https:\/\/i0.wp.com\/itayachtscanada.com\/wp-content\/uploads\/2025\/04\/Capture-decran-le-2025-04-17-a-15.36.10.jpg?w=346&#038;h=195&#038;ssl=1\" srcset=\"https:\/\/i0.wp.com\/itayachtscanada.com\/wp-content\/uploads\/2025\/04\/Capture-decran-le-2025-04-17-a-15.36.10.jpg?w=1728&amp;ssl=1 1728w, https:\/\/i0.wp.com\/itayachtscanada.com\/wp-content\/uploads\/2025\/04\/Capture-decran-le-2025-04-17-a-15.36.10.jpg?resize=300%2C169&amp;ssl=1 300w, https:\/\/i0.wp.com\/itayachtscanada.com\/wp-content\/uploads\/2025\/04\/Capture-decran-le-2025-04-17-a-15.36.10.jpg?resize=1024%2C577&amp;ssl=1 1024w, https:\/\/i0.wp.com\/itayachtscanada.com\/wp-content\/uploads\/2025\/04\/Capture-decran-le-2025-04-17-a-15.36.10.jpg?resize=768%2C433&amp;ssl=1 768w, https:\/\/i0.wp.com\/itayachtscanada.com\/wp-content\/uploads\/2025\/04\/Capture-decran-le-2025-04-17-a-15.36.10.jpg?resize=1536%2C866&amp;ssl=1 1536w, https:\/\/i0.wp.com\/itayachtscanada.com\/wp-content\/uploads\/2025\/04\/Capture-decran-le-2025-04-17-a-15.36.10.jpg?resize=700%2C395&amp;ssl=1 700w, https:\/\/i0.wp.com\/itayachtscanada.com\/wp-content\/uploads\/2025\/04\/Capture-decran-le-2025-04-17-a-15.36.10.jpg?resize=710%2C400&amp;ssl=1 710w, https:\/\/i0.wp.com\/itayachtscanada.com\/wp-content\/uploads\/2025\/04\/Capture-decran-le-2025-04-17-a-15.36.10.jpg?w=1400&amp;ssl=1 1400w\" width=\"346\" height=\"195\" loading=\"lazy\" data-original-width=\"346\" data-original-height=\"195\" itemprop=\"http:\/\/schema.org\/image\" title=\"Capture d\u2019e\u0301cran, le 2025-04-17 a\u0300 15.36.10\" alt=\"Capture d\u2019e\u0301cran, le 2025-04-17 a\u0300 15.36.10\" style=\"width: 346px; height: 195px;\" \/> <\/a> <\/div> <\/div> <!-- close group --> <\/div> <!-- close row --> <div class=\"gallery-row\" style=\"width: 700px; height: 199px;\" data-original-width=\"700\" data-original-height=\"199\" > <div class=\"gallery-group images-1\" style=\"width: 350px; height: 199px;\" data-original-width=\"350\" data-original-height=\"199\" > <div class=\"tiled-gallery-item tiled-gallery-item-large\" itemprop=\"associatedMedia\" itemscope itemtype=\"http:\/\/schema.org\/ImageObject\"> <a href=\"https:\/\/itayachtscanada.com\/fr\/listing\/azimut-grande-27-metri-2021-5644000-usd-for-sale\/capture-decran-le-2025-04-17-a-15-36-06\/\" border=\"0\" itemprop=\"url\"> <meta itemprop=\"width\" content=\"346\"> <meta itemprop=\"height\" content=\"195\"> <img decoding=\"async\" class=\"\" data-attachment-id=\"218771\" data-orig-file=\"https:\/\/itayachtscanada.com\/wp-content\/uploads\/2025\/04\/Capture-decran-le-2025-04-17-a-15.36.06.jpg\" data-orig-size=\"1728,974\" data-comments-opened=\"1\" data-image-meta=\"{&quot;aperture&quot;:&quot;0&quot;,&quot;credit&quot;:&quot;&quot;,&quot;camera&quot;:&quot;&quot;,&quot;caption&quot;:&quot;&quot;,&quot;created_timestamp&quot;:&quot;0&quot;,&quot;copyright&quot;:&quot;&quot;,&quot;focal_length&quot;:&quot;0&quot;,&quot;iso&quot;:&quot;0&quot;,&quot;shutter_speed&quot;:&quot;0&quot;,&quot;title&quot;:&quot;&quot;,&quot;orientation&quot;:&quot;0&quot;}\" data-image-title=\"Capture d\u2019e\u0301cran, le 2025-04-17 a\u0300 15.36.06\" data-image-description=\"\" data-medium-file=\"https:\/\/i0.wp.com\/itayachtscanada.com\/wp-content\/uploads\/2025\/04\/Capture-decran-le-2025-04-17-a-15.36.06.jpg?fit=300%2C169&#038;ssl=1\" data-large-file=\"https:\/\/i0.wp.com\/itayachtscanada.com\/wp-content\/uploads\/2025\/04\/Capture-decran-le-2025-04-17-a-15.36.06.jpg?fit=700%2C394&#038;ssl=1\" src=\"https:\/\/i0.wp.com\/itayachtscanada.com\/wp-content\/uploads\/2025\/04\/Capture-decran-le-2025-04-17-a-15.36.06.jpg?w=346&#038;h=195&#038;ssl=1\" srcset=\"https:\/\/i0.wp.com\/itayachtscanada.com\/wp-content\/uploads\/2025\/04\/Capture-decran-le-2025-04-17-a-15.36.06.jpg?w=1728&amp;ssl=1 1728w, https:\/\/i0.wp.com\/itayachtscanada.com\/wp-content\/uploads\/2025\/04\/Capture-decran-le-2025-04-17-a-15.36.06.jpg?resize=300%2C169&amp;ssl=1 300w, https:\/\/i0.wp.com\/itayachtscanada.com\/wp-content\/uploads\/2025\/04\/Capture-decran-le-2025-04-17-a-15.36.06.jpg?resize=1024%2C577&amp;ssl=1 1024w, https:\/\/i0.wp.com\/itayachtscanada.com\/wp-content\/uploads\/2025\/04\/Capture-decran-le-2025-04-17-a-15.36.06.jpg?resize=768%2C433&amp;ssl=1 768w, https:\/\/i0.wp.com\/itayachtscanada.com\/wp-content\/uploads\/2025\/04\/Capture-decran-le-2025-04-17-a-15.36.06.jpg?resize=1536%2C866&amp;ssl=1 1536w, https:\/\/i0.wp.com\/itayachtscanada.com\/wp-content\/uploads\/2025\/04\/Capture-decran-le-2025-04-17-a-15.36.06.jpg?resize=700%2C395&amp;ssl=1 700w, https:\/\/i0.wp.com\/itayachtscanada.com\/wp-content\/uploads\/2025\/04\/Capture-decran-le-2025-04-17-a-15.36.06.jpg?resize=710%2C400&amp;ssl=1 710w, https:\/\/i0.wp.com\/itayachtscanada.com\/wp-content\/uploads\/2025\/04\/Capture-decran-le-2025-04-17-a-15.36.06.jpg?w=1400&amp;ssl=1 1400w\" width=\"346\" height=\"195\" loading=\"lazy\" data-original-width=\"346\" data-original-height=\"195\" itemprop=\"http:\/\/schema.org\/image\" title=\"Capture d\u2019e\u0301cran, le 2025-04-17 a\u0300 15.36.06\" alt=\"Capture d\u2019e\u0301cran, le 2025-04-17 a\u0300 15.36.06\" style=\"width: 346px; height: 195px;\" \/> <\/a> <\/div> <\/div> <!-- close group --> <div class=\"gallery-group images-1\" style=\"width: 350px; height: 199px;\" data-original-width=\"350\" data-original-height=\"199\" > <div class=\"tiled-gallery-item tiled-gallery-item-large\" itemprop=\"associatedMedia\" itemscope itemtype=\"http:\/\/schema.org\/ImageObject\"> <a href=\"https:\/\/itayachtscanada.com\/fr\/listing\/azimut-grande-27-metri-2021-5644000-usd-for-sale\/capture-decran-le-2025-04-17-a-15-36-03\/\" border=\"0\" itemprop=\"url\"> <meta itemprop=\"width\" content=\"346\"> <meta itemprop=\"height\" content=\"195\"> <img decoding=\"async\" class=\"\" data-attachment-id=\"218772\" data-orig-file=\"https:\/\/itayachtscanada.com\/wp-content\/uploads\/2025\/04\/Capture-decran-le-2025-04-17-a-15.36.03.jpg\" data-orig-size=\"1728,974\" data-comments-opened=\"1\" data-image-meta=\"{&quot;aperture&quot;:&quot;0&quot;,&quot;credit&quot;:&quot;&quot;,&quot;camera&quot;:&quot;&quot;,&quot;caption&quot;:&quot;&quot;,&quot;created_timestamp&quot;:&quot;0&quot;,&quot;copyright&quot;:&quot;&quot;,&quot;focal_length&quot;:&quot;0&quot;,&quot;iso&quot;:&quot;0&quot;,&quot;shutter_speed&quot;:&quot;0&quot;,&quot;title&quot;:&quot;&quot;,&quot;orientation&quot;:&quot;0&quot;}\" data-image-title=\"Capture d\u2019e\u0301cran, le 2025-04-17 a\u0300 15.36.03\" data-image-description=\"\" data-medium-file=\"https:\/\/i0.wp.com\/itayachtscanada.com\/wp-content\/uploads\/2025\/04\/Capture-decran-le-2025-04-17-a-15.36.03.jpg?fit=300%2C169&#038;ssl=1\" data-large-file=\"https:\/\/i0.wp.com\/itayachtscanada.com\/wp-content\/uploads\/2025\/04\/Capture-decran-le-2025-04-17-a-15.36.03.jpg?fit=700%2C394&#038;ssl=1\" src=\"https:\/\/i0.wp.com\/itayachtscanada.com\/wp-content\/uploads\/2025\/04\/Capture-decran-le-2025-04-17-a-15.36.03.jpg?w=346&#038;h=195&#038;ssl=1\" srcset=\"https:\/\/i0.wp.com\/itayachtscanada.com\/wp-content\/uploads\/2025\/04\/Capture-decran-le-2025-04-17-a-15.36.03.jpg?w=1728&amp;ssl=1 1728w, https:\/\/i0.wp.com\/itayachtscanada.com\/wp-content\/uploads\/2025\/04\/Capture-decran-le-2025-04-17-a-15.36.03.jpg?resize=300%2C169&amp;ssl=1 300w, https:\/\/i0.wp.com\/itayachtscanada.com\/wp-content\/uploads\/2025\/04\/Capture-decran-le-2025-04-17-a-15.36.03.jpg?resize=1024%2C577&amp;ssl=1 1024w, https:\/\/i0.wp.com\/itayachtscanada.com\/wp-content\/uploads\/2025\/04\/Capture-decran-le-2025-04-17-a-15.36.03.jpg?resize=768%2C433&amp;ssl=1 768w, https:\/\/i0.wp.com\/itayachtscanada.com\/wp-content\/uploads\/2025\/04\/Capture-decran-le-2025-04-17-a-15.36.03.jpg?resize=1536%2C866&amp;ssl=1 1536w, https:\/\/i0.wp.com\/itayachtscanada.com\/wp-content\/uploads\/2025\/04\/Capture-decran-le-2025-04-17-a-15.36.03.jpg?resize=700%2C395&amp;ssl=1 700w, https:\/\/i0.wp.com\/itayachtscanada.com\/wp-content\/uploads\/2025\/04\/Capture-decran-le-2025-04-17-a-15.36.03.jpg?resize=710%2C400&amp;ssl=1 710w, https:\/\/i0.wp.com\/itayachtscanada.com\/wp-content\/uploads\/2025\/04\/Capture-decran-le-2025-04-17-a-15.36.03.jpg?w=1400&amp;ssl=1 1400w\" width=\"346\" height=\"195\" loading=\"lazy\" data-original-width=\"346\" data-original-height=\"195\" itemprop=\"http:\/\/schema.org\/image\" title=\"Capture d\u2019e\u0301cran, le 2025-04-17 a\u0300 15.36.03\" alt=\"Capture d\u2019e\u0301cran, le 2025-04-17 a\u0300 15.36.03\" style=\"width: 346px; height: 195px;\" \/> <\/a> <\/div> <\/div> <!-- close group --> <\/div> <!-- close row --> <div class=\"gallery-row\" style=\"width: 700px; height: 199px;\" data-original-width=\"700\" data-original-height=\"199\" > <div class=\"gallery-group images-1\" style=\"width: 350px; height: 199px;\" data-original-width=\"350\" data-original-height=\"199\" > <div class=\"tiled-gallery-item tiled-gallery-item-large\" itemprop=\"associatedMedia\" itemscope itemtype=\"http:\/\/schema.org\/ImageObject\"> <a href=\"https:\/\/itayachtscanada.com\/fr\/listing\/azimut-grande-27-metri-2021-5644000-usd-for-sale\/capture-decran-le-2025-04-17-a-15-35-59\/\" border=\"0\" itemprop=\"url\"> <meta itemprop=\"width\" content=\"346\"> <meta itemprop=\"height\" content=\"195\"> <img decoding=\"async\" class=\"\" data-attachment-id=\"218773\" data-orig-file=\"https:\/\/itayachtscanada.com\/wp-content\/uploads\/2025\/04\/Capture-decran-le-2025-04-17-a-15.35.59.jpg\" data-orig-size=\"1728,974\" data-comments-opened=\"1\" data-image-meta=\"{&quot;aperture&quot;:&quot;0&quot;,&quot;credit&quot;:&quot;&quot;,&quot;camera&quot;:&quot;&quot;,&quot;caption&quot;:&quot;&quot;,&quot;created_timestamp&quot;:&quot;0&quot;,&quot;copyright&quot;:&quot;&quot;,&quot;focal_length&quot;:&quot;0&quot;,&quot;iso&quot;:&quot;0&quot;,&quot;shutter_speed&quot;:&quot;0&quot;,&quot;title&quot;:&quot;&quot;,&quot;orientation&quot;:&quot;0&quot;}\" data-image-title=\"Capture d\u2019e\u0301cran, le 2025-04-17 a\u0300 15.35.59\" data-image-description=\"\" data-medium-file=\"https:\/\/i0.wp.com\/itayachtscanada.com\/wp-content\/uploads\/2025\/04\/Capture-decran-le-2025-04-17-a-15.35.59.jpg?fit=300%2C169&#038;ssl=1\" data-large-file=\"https:\/\/i0.wp.com\/itayachtscanada.com\/wp-content\/uploads\/2025\/04\/Capture-decran-le-2025-04-17-a-15.35.59.jpg?fit=700%2C394&#038;ssl=1\" src=\"https:\/\/i0.wp.com\/itayachtscanada.com\/wp-content\/uploads\/2025\/04\/Capture-decran-le-2025-04-17-a-15.35.59.jpg?w=346&#038;h=195&#038;ssl=1\" srcset=\"https:\/\/i0.wp.com\/itayachtscanada.com\/wp-content\/uploads\/2025\/04\/Capture-decran-le-2025-04-17-a-15.35.59.jpg?w=1728&amp;ssl=1 1728w, https:\/\/i0.wp.com\/itayachtscanada.com\/wp-content\/uploads\/2025\/04\/Capture-decran-le-2025-04-17-a-15.35.59.jpg?resize=300%2C169&amp;ssl=1 300w, https:\/\/i0.wp.com\/itayachtscanada.com\/wp-content\/uploads\/2025\/04\/Capture-decran-le-2025-04-17-a-15.35.59.jpg?resize=1024%2C577&amp;ssl=1 1024w, https:\/\/i0.wp.com\/itayachtscanada.com\/wp-content\/uploads\/2025\/04\/Capture-decran-le-2025-04-17-a-15.35.59.jpg?resize=768%2C433&amp;ssl=1 768w, https:\/\/i0.wp.com\/itayachtscanada.com\/wp-content\/uploads\/2025\/04\/Capture-decran-le-2025-04-17-a-15.35.59.jpg?resize=1536%2C866&amp;ssl=1 1536w, https:\/\/i0.wp.com\/itayachtscanada.com\/wp-content\/uploads\/2025\/04\/Capture-decran-le-2025-04-17-a-15.35.59.jpg?resize=700%2C395&amp;ssl=1 700w, https:\/\/i0.wp.com\/itayachtscanada.com\/wp-content\/uploads\/2025\/04\/Capture-decran-le-2025-04-17-a-15.35.59.jpg?resize=710%2C400&amp;ssl=1 710w, https:\/\/i0.wp.com\/itayachtscanada.com\/wp-content\/uploads\/2025\/04\/Capture-decran-le-2025-04-17-a-15.35.59.jpg?w=1400&amp;ssl=1 1400w\" width=\"346\" height=\"195\" loading=\"lazy\" data-original-width=\"346\" data-original-height=\"195\" itemprop=\"http:\/\/schema.org\/image\" title=\"Capture d\u2019e\u0301cran, le 2025-04-17 a\u0300 15.35.59\" alt=\"Capture d\u2019e\u0301cran, le 2025-04-17 a\u0300 15.35.59\" style=\"width: 346px; height: 195px;\" \/> <\/a> <\/div> <\/div> <!-- close group --> <div class=\"gallery-group images-1\" style=\"width: 350px; height: 199px;\" data-original-width=\"350\" data-original-height=\"199\" > <div class=\"tiled-gallery-item tiled-gallery-item-large\" itemprop=\"associatedMedia\" itemscope itemtype=\"http:\/\/schema.org\/ImageObject\"> <a href=\"https:\/\/itayachtscanada.com\/fr\/listing\/azimut-grande-27-metri-2021-5644000-usd-for-sale\/capture-decran-le-2025-04-17-a-15-35-54\/\" border=\"0\" itemprop=\"url\"> <meta itemprop=\"width\" content=\"346\"> <meta itemprop=\"height\" content=\"195\"> <img decoding=\"async\" class=\"\" data-attachment-id=\"218774\" data-orig-file=\"https:\/\/itayachtscanada.com\/wp-content\/uploads\/2025\/04\/Capture-decran-le-2025-04-17-a-15.35.54.jpg\" data-orig-size=\"1728,974\" data-comments-opened=\"1\" data-image-meta=\"{&quot;aperture&quot;:&quot;0&quot;,&quot;credit&quot;:&quot;&quot;,&quot;camera&quot;:&quot;&quot;,&quot;caption&quot;:&quot;&quot;,&quot;created_timestamp&quot;:&quot;0&quot;,&quot;copyright&quot;:&quot;&quot;,&quot;focal_length&quot;:&quot;0&quot;,&quot;iso&quot;:&quot;0&quot;,&quot;shutter_speed&quot;:&quot;0&quot;,&quot;title&quot;:&quot;&quot;,&quot;orientation&quot;:&quot;0&quot;}\" data-image-title=\"Capture d\u2019e\u0301cran, le 2025-04-17 a\u0300 15.35.54\" data-image-description=\"\" data-medium-file=\"https:\/\/i0.wp.com\/itayachtscanada.com\/wp-content\/uploads\/2025\/04\/Capture-decran-le-2025-04-17-a-15.35.54.jpg?fit=300%2C169&#038;ssl=1\" data-large-file=\"https:\/\/i0.wp.com\/itayachtscanada.com\/wp-content\/uploads\/2025\/04\/Capture-decran-le-2025-04-17-a-15.35.54.jpg?fit=700%2C394&#038;ssl=1\" src=\"https:\/\/i0.wp.com\/itayachtscanada.com\/wp-content\/uploads\/2025\/04\/Capture-decran-le-2025-04-17-a-15.35.54.jpg?w=346&#038;h=195&#038;ssl=1\" srcset=\"https:\/\/i0.wp.com\/itayachtscanada.com\/wp-content\/uploads\/2025\/04\/Capture-decran-le-2025-04-17-a-15.35.54.jpg?w=1728&amp;ssl=1 1728w, https:\/\/i0.wp.com\/itayachtscanada.com\/wp-content\/uploads\/2025\/04\/Capture-decran-le-2025-04-17-a-15.35.54.jpg?resize=300%2C169&amp;ssl=1 300w, https:\/\/i0.wp.com\/itayachtscanada.com\/wp-content\/uploads\/2025\/04\/Capture-decran-le-2025-04-17-a-15.35.54.jpg?resize=1024%2C577&amp;ssl=1 1024w, https:\/\/i0.wp.com\/itayachtscanada.com\/wp-content\/uploads\/2025\/04\/Capture-decran-le-2025-04-17-a-15.35.54.jpg?resize=768%2C433&amp;ssl=1 768w, https:\/\/i0.wp.com\/itayachtscanada.com\/wp-content\/uploads\/2025\/04\/Capture-decran-le-2025-04-17-a-15.35.54.jpg?resize=1536%2C866&amp;ssl=1 1536w, https:\/\/i0.wp.com\/itayachtscanada.com\/wp-content\/uploads\/2025\/04\/Capture-decran-le-2025-04-17-a-15.35.54.jpg?resize=700%2C395&amp;ssl=1 700w, https:\/\/i0.wp.com\/itayachtscanada.com\/wp-content\/uploads\/2025\/04\/Capture-decran-le-2025-04-17-a-15.35.54.jpg?resize=710%2C400&amp;ssl=1 710w, https:\/\/i0.wp.com\/itayachtscanada.com\/wp-content\/uploads\/2025\/04\/Capture-decran-le-2025-04-17-a-15.35.54.jpg?w=1400&amp;ssl=1 1400w\" width=\"346\" height=\"195\" loading=\"lazy\" data-original-width=\"346\" data-original-height=\"195\" itemprop=\"http:\/\/schema.org\/image\" title=\"Capture d\u2019e\u0301cran, le 2025-04-17 a\u0300 15.35.54\" alt=\"Capture d\u2019e\u0301cran, le 2025-04-17 a\u0300 15.35.54\" style=\"width: 346px; height: 195px;\" \/> <\/a> <\/div> <\/div> <!-- close group --> <\/div> <!-- close row --> <div class=\"gallery-row\" style=\"width: 700px; height: 396px;\" data-original-width=\"700\" data-original-height=\"396\" > <div class=\"gallery-group images-1\" style=\"width: 700px; height: 396px;\" data-original-width=\"700\" data-original-height=\"396\" > <div class=\"tiled-gallery-item tiled-gallery-item-large\" itemprop=\"associatedMedia\" itemscope itemtype=\"http:\/\/schema.org\/ImageObject\"> <a href=\"https:\/\/itayachtscanada.com\/fr\/listing\/azimut-grande-27-metri-2021-5644000-usd-for-sale\/capture-decran-le-2025-04-17-a-15-35-44\/\" border=\"0\" itemprop=\"url\"> <meta itemprop=\"width\" content=\"696\"> <meta itemprop=\"height\" content=\"392\"> <img decoding=\"async\" class=\"\" data-attachment-id=\"218775\" data-orig-file=\"https:\/\/itayachtscanada.com\/wp-content\/uploads\/2025\/04\/Capture-decran-le-2025-04-17-a-15.35.44.jpg\" data-orig-size=\"1728,974\" data-comments-opened=\"1\" data-image-meta=\"{&quot;aperture&quot;:&quot;0&quot;,&quot;credit&quot;:&quot;&quot;,&quot;camera&quot;:&quot;&quot;,&quot;caption&quot;:&quot;&quot;,&quot;created_timestamp&quot;:&quot;0&quot;,&quot;copyright&quot;:&quot;&quot;,&quot;focal_length&quot;:&quot;0&quot;,&quot;iso&quot;:&quot;0&quot;,&quot;shutter_speed&quot;:&quot;0&quot;,&quot;title&quot;:&quot;&quot;,&quot;orientation&quot;:&quot;0&quot;}\" data-image-title=\"Capture d\u2019e\u0301cran, le 2025-04-17 a\u0300 15.35.44\" data-image-description=\"\" data-medium-file=\"https:\/\/i0.wp.com\/itayachtscanada.com\/wp-content\/uploads\/2025\/04\/Capture-decran-le-2025-04-17-a-15.35.44.jpg?fit=300%2C169&#038;ssl=1\" data-large-file=\"https:\/\/i0.wp.com\/itayachtscanada.com\/wp-content\/uploads\/2025\/04\/Capture-decran-le-2025-04-17-a-15.35.44.jpg?fit=700%2C394&#038;ssl=1\" src=\"https:\/\/i0.wp.com\/itayachtscanada.com\/wp-content\/uploads\/2025\/04\/Capture-decran-le-2025-04-17-a-15.35.44.jpg?w=696&#038;h=392&#038;ssl=1\" srcset=\"https:\/\/i0.wp.com\/itayachtscanada.com\/wp-content\/uploads\/2025\/04\/Capture-decran-le-2025-04-17-a-15.35.44.jpg?w=1728&amp;ssl=1 1728w, https:\/\/i0.wp.com\/itayachtscanada.com\/wp-content\/uploads\/2025\/04\/Capture-decran-le-2025-04-17-a-15.35.44.jpg?resize=300%2C169&amp;ssl=1 300w, https:\/\/i0.wp.com\/itayachtscanada.com\/wp-content\/uploads\/2025\/04\/Capture-decran-le-2025-04-17-a-15.35.44.jpg?resize=1024%2C577&amp;ssl=1 1024w, https:\/\/i0.wp.com\/itayachtscanada.com\/wp-content\/uploads\/2025\/04\/Capture-decran-le-2025-04-17-a-15.35.44.jpg?resize=768%2C433&amp;ssl=1 768w, https:\/\/i0.wp.com\/itayachtscanada.com\/wp-content\/uploads\/2025\/04\/Capture-decran-le-2025-04-17-a-15.35.44.jpg?resize=1536%2C866&amp;ssl=1 1536w, https:\/\/i0.wp.com\/itayachtscanada.com\/wp-content\/uploads\/2025\/04\/Capture-decran-le-2025-04-17-a-15.35.44.jpg?resize=700%2C395&amp;ssl=1 700w, https:\/\/i0.wp.com\/itayachtscanada.com\/wp-content\/uploads\/2025\/04\/Capture-decran-le-2025-04-17-a-15.35.44.jpg?resize=710%2C400&amp;ssl=1 710w, https:\/\/i0.wp.com\/itayachtscanada.com\/wp-content\/uploads\/2025\/04\/Capture-decran-le-2025-04-17-a-15.35.44.jpg?w=1400&amp;ssl=1 1400w\" width=\"696\" height=\"392\" loading=\"lazy\" data-original-width=\"696\" data-original-height=\"392\" itemprop=\"http:\/\/schema.org\/image\" title=\"Capture d\u2019e\u0301cran, le 2025-04-17 a\u0300 15.35.44\" alt=\"Capture d\u2019e\u0301cran, le 2025-04-17 a\u0300 15.35.44\" style=\"width: 696px; height: 392px;\" \/> <\/a> <\/div> <\/div> <!-- close group --> <\/div> <!-- close row --> <\/div>\n<div class=\"jetpack-video-wrapper\"><span class=\"embed-youtube\" style=\"text-align:center; display: block;\"><iframe loading=\"lazy\" class=\"youtube-player\" width=\"700\" height=\"394\" src=\"https:\/\/www.youtube.com\/embed\/K2pho1tGKu8?version=3&#038;rel=1&#038;showsearch=0&#038;showinfo=1&#038;iv_load_policy=1&#038;fs=1&#038;hl=fr-FR&#038;autohide=2&#038;wmode=transparent\" allowfullscreen=\"true\" style=\"border:0;\" sandbox=\"allow-scripts allow-same-origin allow-popups allow-presentation allow-popups-to-escape-sandbox\"><\/iframe><\/span><\/div>\n<div class=\"jetpack-video-wrapper\"><span class=\"embed-youtube\" style=\"text-align:center; display: block;\"><iframe loading=\"lazy\" class=\"youtube-player\" width=\"700\" height=\"394\" src=\"https:\/\/www.youtube.com\/embed\/QD-Iri9sfLc?version=3&#038;rel=1&#038;showsearch=0&#038;showinfo=1&#038;iv_load_policy=1&#038;fs=1&#038;hl=fr-FR&#038;autohide=2&#038;wmode=transparent\" allowfullscreen=\"true\" style=\"border:0;\" sandbox=\"allow-scripts allow-same-origin allow-popups allow-presentation allow-popups-to-escape-sandbox\"><\/iframe><\/span><\/div>\n<div class=\"jetpack-video-wrapper\"><span class=\"embed-youtube\" style=\"text-align:center; display: block;\"><iframe loading=\"lazy\" class=\"youtube-player\" width=\"700\" height=\"394\" src=\"https:\/\/www.youtube.com\/embed\/bx-JdT4B05E?version=3&#038;rel=1&#038;showsearch=0&#038;showinfo=1&#038;iv_load_policy=1&#038;fs=1&#038;hl=fr-FR&#038;autohide=2&#038;wmode=transparent\" allowfullscreen=\"true\" style=\"border:0;\" sandbox=\"allow-scripts allow-same-origin allow-popups allow-presentation allow-popups-to-escape-sandbox\"><\/iframe><\/span><\/div>\n<div class=\"jetpack-video-wrapper\"><span class=\"embed-youtube\" style=\"text-align:center; display: block;\"><iframe loading=\"lazy\" class=\"youtube-player\" width=\"700\" height=\"394\" src=\"https:\/\/www.youtube.com\/embed\/z9FhAq-TyCY?version=3&#038;rel=1&#038;showsearch=0&#038;showinfo=1&#038;iv_load_policy=1&#038;fs=1&#038;hl=fr-FR&#038;autohide=2&#038;wmode=transparent\" allowfullscreen=\"true\" style=\"border:0;\" sandbox=\"allow-scripts allow-same-origin allow-popups allow-presentation allow-popups-to-escape-sandbox\"><\/iframe><\/span><\/div>\n<\/div>\n<div><\/div>\n<div>\n<p>&nbsp;<\/p>\n<p><strong>Ita Yachts Canada propose de vous assister et de voir \u00e0 vos int\u00e9r\u00eats pour l\u2019achat de ce yacht qui est \u00e0 vendre par une autre organisation. Nous serons pr\u00e9sents lors de l\u2019inspection et tout au long de la transaction et ce peu importe sa localisation. L\u2019\u00e9quipe d\u2019Ita Yachts Canada se soumet au plus haut standard d\u2019\u00e9thique.<\/strong><\/p>\n<\/div>\n<div><\/div>\n<\/div>\n<\/div>\n<\/div>\n<\/div>\n<\/div>\n<\/div>\n<\/div>\n<\/div>\n<\/div>\n<\/div>\n<\/div>\n<div>\n<div class=\"content-header\"><\/div>\n<\/div>\n<div>\n<p>Visite guid\u00e9e<\/p>\n<p>En entrant dans le salon spacieux, vos yeux sont imm\u00e9diatement attir\u00e9s par le canap\u00e9 sectionnel bleu personnalis\u00e9 et les immenses fen\u00eatres du sol au plafond qui apportent des tonnes de lumi\u00e8re naturelle et mettent en valeur les murs de couleur claire et les accents de bois sombre. En plus du canap\u00e9 sectionnel, il y a \u00e9galement une chaise longue et deux fauteuils \u00e0 tribord, offrant ainsi suffisamment de place pour tous les invit\u00e9s \u00e0 bord. L&rsquo;armoire personnalis\u00e9e de la salle \u00e0 manger est une pi\u00e8ce unique qui rend ce 27 Metri unique. La palette de couleurs est assortie \u00e0 l&rsquo;ensemble du navire avec des draps et des coussins qui impressionneront vos amis.<\/p>\n<p>La cuisine se trouve \u00e0 b\u00e2bord lorsque vous traversez la salle \u00e0 manger. Le pont lat\u00e9ral donne \u00e9galement acc\u00e8s \u00e0 la cuisine, ce qui permet \u00e0 l&rsquo;\u00e9quipage d&rsquo;entretenir facilement l&rsquo;ext\u00e9rieur du bateau sans d\u00e9ranger les invit\u00e9s dans le salon ou la salle \u00e0 manger. En entrant dans la cuisine, on trouve un bar \u00e0 caf\u00e9\/service avec des comptoirs suppl\u00e9mentaires et un r\u00e9frig\u00e9rateur \u00e0 vin. La cuisine elle-m\u00eame fera l&rsquo;envie de tous les chefs car elle dispose de nombreux comptoirs pour la pr\u00e9paration, d&rsquo;un grand four et d&rsquo;une table de cuisson, ainsi que de nombreux rangements. De nouveaux r\u00e9frig\u00e9rateurs et cong\u00e9lateurs plus grands ont \u00e9t\u00e9 remplac\u00e9s en 2025, pour une valeur de 20 000 dollars.<\/p>\n<p>En descendant sur le c\u00f4t\u00e9 tribord du bateau depuis le salon, vous remarquerez une autre s\u00e9rie de portes vitr\u00e9es qui m\u00e8nent au pont lat\u00e9ral tribord, donnant un acc\u00e8s facile \u00e0 la spacieuse zone de si\u00e8ges de la proue. Sur votre gauche, vous trouverez des escaliers menant au poste de pilotage\/passerelle, puis d&rsquo;autres marches menant \u00e0 la salle de bain.<\/p>\n<p>Sur votre gauche se trouvent les escaliers menant au poste de pilotage\/passerelle, puis d&rsquo;autres escaliers menant aux 4 cabines inf\u00e9rieures. Ces deux escaliers sont de magnifiques exemples du savoir-faire que nous avons tous appris \u00e0 aimer et \u00e0 attendre du constructeur. Chaque marche est une plaque de marbre de couleur claire qui est r\u00e9tro\u00e9clair\u00e9e pour cr\u00e9er une v\u00e9ritable \u0153uvre d&rsquo;art. Juste \u00e0 l&rsquo;avant, on acc\u00e8de \u00e0 la salle de bain de jour et enfin \u00e0 l&rsquo;\u00e9tonnant ma\u00eetre \u00e0 bord.<\/p>\n<p>L&rsquo;ext\u00e9rieur du bateau ne laisse rien \u00e0 d\u00e9sirer et dispose de 3 zones distinctes pour les divertissements. Le cockpit dispose d&rsquo;une grande banquette en forme de U qui peut facilement accueillir 8 \u00e0 10 personnes avec un pare-soleil qui tombe \u00e9lectroniquement derri\u00e8re pour plus d&rsquo;intimit\u00e9. L&rsquo;armoire d&rsquo;origine \u00e0 tribord a \u00e9t\u00e9 enlev\u00e9e et remplac\u00e9e par une armoire sur mesure qui contient une grande machine \u00e0 gla\u00e7ons Scotsman (2025) et un distributeur d&rsquo;eau alcaline pour remplir les bouteilles. \u00c0 b\u00e2bord se trouve l&rsquo;escalier moul\u00e9 qui m\u00e8ne \u00e0 l&rsquo;immense flybridge qui a \u00e9t\u00e9 compl\u00e8tement transform\u00e9 avec un jacuzzi sur mesure, une station de barbecue au propane et des lumi\u00e8res LED. Il y a une salle \u00e0 manger suppl\u00e9mentaire et un grand bar qui dispose d&rsquo;une r\u00e9frig\u00e9ration suppl\u00e9mentaire et d&rsquo;une machine \u00e0 gla\u00e7ons. Toute la partie avant du flybridge est enti\u00e8rement ferm\u00e9e par des panneaux EZ2CY, ce qui permet \u00e0 tous les invit\u00e9s et au capitaine de rester au sec en cas de mauvais temps.<\/p>\n<p>La proue est tout aussi impressionnante que le pont et dispose d&rsquo;une banquette suppl\u00e9mentaire en forme de U avec un store \u00e9lectronique \u00e0 clapet ainsi qu&rsquo;un \u00e9norme bain de soleil \u00e0 l&rsquo;avant. Tous les coussins ont \u00e9t\u00e9 remplac\u00e9s en 2025.<\/p>\n<p>A quelques pas du cockpit se trouve la salle de bain.<\/p>\n<p>C&rsquo;est \u00e0 quelques pas du cockpit que le plaisir commence. Le grand garage s&rsquo;ouvre pour cr\u00e9er une immense plateforme de baignade et un acc\u00e8s \u00e0 tous vos jouets nautiques, ainsi qu&rsquo;au jetski Yamaha 2021 inclus.<\/p>\n<p>Le CAPTAIN MORGAN II a \u00e9t\u00e9 r\u00e9cemment \u00e9quip\u00e9 du syst\u00e8me Starlink (2025), qui vous permet de rester connect\u00e9 et de ne pas perdre le fil lorsque vous \u00eates en mer. Il dispose d&rsquo;un syst\u00e8me audio robuste qui est contr\u00f4l\u00e9 ind\u00e9pendamment dans chaque zone du navire, y compris une zone s\u00e9par\u00e9e pour chaque cabine. Son syst\u00e8me \u00e9lectronique Simrad comprend tout ce dont un capitaine exp\u00e9riment\u00e9 a besoin, et il se man\u0153uvre sans effort gr\u00e2ce \u00e0 un joystick de commande, des propulseurs hydrauliques de proue et de poupe. Il est \u00e9galement \u00e9quip\u00e9 de stabilisateurs d&rsquo;ailerons qui assurent le confort des passagers et de l&rsquo;\u00e9quipage dans des conditions difficiles.<\/p>\n<p>&nbsp;<\/p>\n<p>&nbsp;<\/p>\n<p>Salon\/Salle \u00e0 manger<br \/>\nLe salon dispose d&rsquo;un espace spacieux avec un canap\u00e9 sectionnel sur mesure \u00e0 b\u00e2bord, deux fauteuils \u00e0 tribord et une chaise longue suppl\u00e9mentaire \u00e0 l&rsquo;arri\u00e8re.<br \/>\nLes planchers et les murs en bois clair sont joliment rehauss\u00e9s par des garnitures fonc\u00e9es et des touches de bleu et de blanc.<br \/>\nLe plafond encastr\u00e9 donne de la dimension \u00e0 la pi\u00e8ce et dissimule les haut-parleurs SONOS et l&rsquo;\u00e9cran plat rabattable.<br \/>\nJuste devant le canap\u00e9 sectionnel se trouve la table \u00e0 manger pour 8 personnes.<br \/>\nElle est enti\u00e8rement garnie de d\u00e9corations de table et de couverts \u00e0 th\u00e8me.<br \/>\nAu-dessus de la table \u00e0 manger se trouve une lampe de style cylindrique, avec un \u00e9clairage d&rsquo;appoint suppl\u00e9mentaire sur la cloison avant.<br \/>\n\u00c0 b\u00e2bord et \u00e0 tribord, des fen\u00eatres allant du sol au plafond offrent une vue imprenable sur l&rsquo;eau.<br \/>\nUne armoire personnalis\u00e9e se trouve \u00e0 b\u00e2bord de la table \u00e0 manger.<\/p>\n<p>Il y a une armoire personnalis\u00e9e sur le c\u00f4t\u00e9 b\u00e2bord de la salle \u00e0 manger qui est le point central de l&rsquo;espace avec une armoire de rangement suppl\u00e9mentaire \u00e0 tribord contenant toute la vaisselle suppl\u00e9mentaire et le d\u00e9cor \u00e0 th\u00e8me.<br \/>\nDe la salle \u00e0 manger, on acc\u00e8de \u00e0 la cuisine \u00e0 b\u00e2bord et, \u00e0 tribord, au poste de pilotage et \u00e0 l&rsquo;acc\u00e8s aux cabines des invit\u00e9s et \u00e0 la cabine du capitaine sur le pont.<br \/>\nLe bateau est \u00e9quip\u00e9 d&rsquo;un syst\u00e8me d&rsquo;aspiration central.<\/p>\n<p>&nbsp;<\/p>\n<p>La cuisine<br \/>\nLa cuisine est tr\u00e8s spacieuse pour un yacht de 88 pieds et dispose d&rsquo;un grand espace de r\u00e9frig\u00e9ration et de cong\u00e9lation dans deux unit\u00e9s LG (nouvelles en 2025).<br \/>\nIl y a \u00e9galement un cong\u00e9lateur suppl\u00e9mentaire dans le garage pour les voyages prolong\u00e9s.<br \/>\nIl y a beaucoup de place sur le comptoir et un bar \u00e0 caf\u00e9 suppl\u00e9mentaire \u00e0 l&rsquo;entr\u00e9e de la cuisine avec un r\u00e9frig\u00e9rateur \u00e0 vin Miele et un four \u00e0 micro-ondes\/convection Miele.<br \/>\nJuste en face du bar \u00e0 caf\u00e9 se trouve un espace de rangement du sol au plafond contenant toute la vaisselle.<br \/>\nL&rsquo;acc\u00e8s au pont lat\u00e9ral et la desserte des zones ext\u00e9rieures sont facilit\u00e9s par la porte pantographe situ\u00e9e \u00e0 b\u00e2bord<br \/>\nUn double \u00e9vier Barazza se trouve \u00e0 b\u00e2bord et un lave-vaisselle Miele de grande taille \u00e0 l&rsquo;arri\u00e8re.<br \/>\nLa table de cuisson Miele \u00e0 3 feux et le four se trouvent \u00e0 l&rsquo;avant et sont ventil\u00e9s par une hotte Miele.<br \/>\nLes haut-parleurs sont encastr\u00e9s dans le plafond, ce qui permet au syst\u00e8me SONOS de fonctionner dans toute la cuisine.<br \/>\nL&rsquo;espace est baign\u00e9 de lumi\u00e8re naturelle gr\u00e2ce \u00e0 un puits de lumi\u00e8re situ\u00e9 au-dessus de l&rsquo;\u00e9vier et \u00e0 une fen\u00eatre lat\u00e9rale suppl\u00e9mentaire int\u00e9gr\u00e9e dans les armoires au-dessus de l&rsquo;\u00e9vier.<br \/>\nLa salle \u00e0 manger peut \u00eatre compl\u00e8tement ferm\u00e9e gr\u00e2ce aux portes de poche \u00e0 b\u00e2bord et \u00e0 tribord, ce qui permet au propri\u00e9taire et \u00e0 ses invit\u00e9s d&rsquo;avoir une vue d&rsquo;ensemble sur le bateau.<\/p>\n<p>&nbsp;<\/p>\n<p>Descente<br \/>\nLes marches de la descente vers les cabines inf\u00e9rieures sont une \u0153uvre d&rsquo;art.<br \/>\nLes marches en marbre sont illumin\u00e9es et s&rsquo;enroulent autour de vous lorsque vous descendez vers les 4 cabines inf\u00e9rieures.<br \/>\nSous l&rsquo;escalier se trouve un grand espace de rangement o\u00f9 l&rsquo;\u00e9quipage peut ranger le linge suppl\u00e9mentaire, les produits d&rsquo;entretien, etc.<br \/>\nDe l\u00e0, vous avez 2 cabines \u00e0 l&rsquo;avant et 2 cabines \u00e0 l&rsquo;arri\u00e8re.<\/p>\n<p>&nbsp;<\/p>\n<p>Timonerie sur\u00e9lev\u00e9e<br \/>\nLa timonerie sur\u00e9lev\u00e9e se trouve \u00e0 quelques pas de la descente tribord et est \u00e9quip\u00e9e d&rsquo;un ensemble d&rsquo;appareils \u00e9lectroniques Simrad.<br \/>\nLe bateau se man\u0153uvre facilement gr\u00e2ce aux propulseurs hydrauliques d&rsquo;\u00e9trave et de poupe CMC et au joystick Aventics.<br \/>\nIl y a 3 traceurs de cartes Simrad de 18 pouces qui servent \u00e9galement d&rsquo;\u00e9crans tactiles pour tous les syst\u00e8mes du bateau, y compris les pompes de cale, l&rsquo;air conditionn\u00e9, l&rsquo;\u00e9clairage, etc.<br \/>\nLe bateau est \u00e9quip\u00e9 d&rsquo;un syst\u00e8me de stabilisation CMC et de compensateurs Humphree pour assurer la s\u00e9curit\u00e9 et le confort des passagers et de l&rsquo;\u00e9quipage.<br \/>\nEn plus du fauteuil de barre, il y a un sofa confortable \u00e0 b\u00e2bord, assez grand pour que 2 ou 3 invit\u00e9s puissent tenir compagnie au capitaine.<br \/>\nDirectement \u00e0 l&rsquo;arri\u00e8re, des marches int\u00e9rieures m\u00e8nent au flybridge, permettant un acc\u00e8s facile entre les deux postes de pilotage.<br \/>\nDe chaque c\u00f4t\u00e9 de ces marches se trouvent d&rsquo;autres armoires pour tous les manuels du bateau, ainsi que le tableau des disjoncteurs int\u00e9rieurs et l&rsquo;\u00e9cran tactile des stabilisateurs CMC.<br \/>\nLa cam\u00e9ra de vision nocturne FLIR est contr\u00f4l\u00e9e par l&rsquo;\u00e9cran Simrad.<br \/>\nStarlink est mont\u00e9 directement \u00e0 l&rsquo;avant du poste de pilotage inf\u00e9rieur et permet la diffusion en continu sur les t\u00e9l\u00e9viseurs.<br \/>\nLe navire est \u00e9quip\u00e9 d&rsquo;un satellite KVH pour DirectTV.<\/p>\n<p>&nbsp;<\/p>\n<p>&nbsp;<\/p>\n<p>Cabine principale sur le pont<br \/>\nEn avan\u00e7ant depuis le salon sur le c\u00f4t\u00e9 tribord, vous passez les marches menant \u00e0 la timonerie et aux cabines inf\u00e9rieures et vous arrivez dans la cabine principale sur le pont.<br \/>\nEn entrant, vous trouverez \u00e0 b\u00e2bord un grand placard avec un lave-linge et un s\u00e8che-linge.<br \/>\n\u00c0 tribord se trouve une commode encastr\u00e9e avec 4 tiroirs.<br \/>\nIl ne reste plus que trois marches \u00e0 franchir pour acc\u00e9der \u00e0 l&rsquo;\u00e9poustouflante cabine principale.<br \/>\nLes fen\u00eatres c\u00f4t\u00e9 coque vont du sol au plafond et vous donnent litt\u00e9ralement l&rsquo;impression de flotter sur l&rsquo;eau.<br \/>\nLe propri\u00e9taire a ajout\u00e9 une banquette flottante personnalis\u00e9e devant la fen\u00eatre tribord qui reprend la magnifique palette de couleurs bleu marine et blanc du salon.<br \/>\nSur le c\u00f4t\u00e9 b\u00e2bord, devant la fen\u00eatre, se trouve un bureau\/lavabo qui donne sur l&rsquo;eau.<br \/>\nUne penderie suppl\u00e9mentaire se trouve \u00e0 b\u00e2bord, \u00e0 c\u00f4t\u00e9 du bureau, ainsi qu&rsquo;une grande soute sous le lit pour les bagages des invit\u00e9s, les pi\u00e8ces d\u00e9tach\u00e9es, etc.<br \/>\nLa cabine principale est \u00e9galement \u00e9quip\u00e9e d&rsquo;une t\u00e9l\u00e9vision cach\u00e9e et d&rsquo;une commode de forme ovale.<br \/>\nLes haut-parleurs se trouvent au plafond et sont connect\u00e9s au syst\u00e8me Sonos et facilement contr\u00f4lables avec l&rsquo;application.<br \/>\nLa salle de bain attenante se trouve juste devant et en bas de deux marches.<br \/>\nLe marbre clair avec des accents sombres se poursuit dans la salle d&rsquo;eau principale avec une double vanit\u00e9 \u00e0 l&rsquo;arri\u00e8re et une douche spacieuse \u00e0 l&rsquo;avant.<\/p>\n<p>&nbsp;<\/p>\n<p>Cabine avant tribord<br \/>\nLa cabine d&rsquo;invit\u00e9s \u00e0 tribord, \u00e0 l&rsquo;avant, dispose d&rsquo;une couchette queen avec un m\u00e9lange de tons de bois clairs et fonc\u00e9s.<br \/>\nIl y a une grande table de nuit sur le c\u00f4t\u00e9 ext\u00e9rieur avec une grande fen\u00eatre sur le c\u00f4t\u00e9 de la coque et un hublot qui s&rsquo;ouvre.<br \/>\nLa salle d&rsquo;eau attenante est teint\u00e9e dans la masse.<\/p>\n<p>Chacune des douches est \u00e9quip\u00e9e d&rsquo;une pomme de t\u00eate \u00e0 cascade et d&rsquo;une banquette.<br \/>\nDes haut-parleurs sont connect\u00e9s au syst\u00e8me Sonos et contr\u00f4l\u00e9s via l&rsquo;application.<br \/>\nLa cabine est \u00e9quip\u00e9e d&rsquo;une t\u00e9l\u00e9vision mont\u00e9e sur la cloison arri\u00e8re au pied du lit, recouverte de verre fonc\u00e9 et d&rsquo;un entourage en acier inoxydable.<br \/>\nNouvelle moquette (2025)<\/p>\n<p>&nbsp;<\/p>\n<p>Cabine avant b\u00e2bord<br \/>\nLa cabine avant b\u00e2bord est le reflet de la cabine tribord, mais elle est la seule \u00e0 disposer de deux lits jumeaux.<br \/>\nChacune des cabines est \u00e9quip\u00e9e de linge de lit personnalis\u00e9 et de rechange.<br \/>\nIl y a de nombreux rangements avec un casier \u00e0 l&rsquo;ext\u00e9rieur et des rangements suppl\u00e9mentaires sous chacun des lits.<br \/>\nLa t\u00e9l\u00e9vision est install\u00e9e au pied du lit int\u00e9rieur et se dissimule bien derri\u00e8re le verre fonc\u00e9.<br \/>\nLes fen\u00eatres du c\u00f4t\u00e9 de la coque apportent beaucoup de lumi\u00e8re naturelle dans la cabine et la salle de bain.<br \/>\nLa salle de bain est recouverte de marbre et d&rsquo;\u00e9l\u00e9ments en acier inoxydable.<br \/>\nNouvelle moquette (2025)<\/p>\n<p>&nbsp;<\/p>\n<p>Cabine arri\u00e8re b\u00e2bord<br \/>\nLes cabines b\u00e2bord et tribord \u00e0 l&rsquo;arri\u00e8re sont le reflet l&rsquo;une de l&rsquo;autre et disposent toutes deux de lits king-size avec d&rsquo;immenses fen\u00eatres lat\u00e9rales au niveau de la t\u00eate de lit.<br \/>\nDes tables de nuit de couleur cr\u00e8me avec des inserts en bois fonc\u00e9 se trouvent de chaque c\u00f4t\u00e9 du lit, avec des lampes de lecture au-dessus.<br \/>\nIl y a une grande penderie \u00e0 l&rsquo;arri\u00e8re ainsi que des rangements sous le lit et des casiers dissimul\u00e9s au-dessus des tables de chevet et \u00e0 c\u00f4t\u00e9 de la t\u00e9l\u00e9vision.<br \/>\nLa lumi\u00e8re naturelle filtre \u00e0 travers la cabine et la salle de bain et met en valeur le marbre et l&rsquo;inox.<br \/>\nLa salle de bain est \u00e9quip\u00e9e d&rsquo;un meuble-lavabo surdimensionn\u00e9 avec des rangements en dessous et \u00e0 l&rsquo;ext\u00e9rieur.<br \/>\nLa douche est spacieuse et dispose d&rsquo;un pommeau en cascade et d&rsquo;une banquette.<br \/>\nLe syst\u00e8me audio est facilement contr\u00f4lable dans chacune des cabines en appuyant sur un bouton de l&rsquo;application Sonos.<br \/>\nUne t\u00e9l\u00e9vision est dissimul\u00e9e derri\u00e8re une vitre teint\u00e9e qui se fond dans le mur lorsqu&rsquo;elle n&rsquo;est pas utilis\u00e9e.<br \/>\nNouvelle moquette (2025)<\/p>\n<p>&nbsp;<\/p>\n<p>Cabine arri\u00e8re tribord<br \/>\nLa cabine arri\u00e8re tribord est le reflet de la cabine b\u00e2bord et dispose \u00e9galement d&rsquo;une grande couchette avec une grande fen\u00eatre et un hublot sur la ligne de flottaison.<br \/>\nIl y a de nombreux rangements, avec une penderie \u00e0 l&rsquo;arri\u00e8re, des rangements sous le lit et des armoires suppl\u00e9mentaires de part et d&rsquo;autre du lit et de la t\u00e9l\u00e9vision.<br \/>\nLa t\u00e9l\u00e9vision est encastr\u00e9e dans le mur derri\u00e8re une vitre teint\u00e9e.<br \/>\nChacune des cabines est recouverte d&rsquo;une moquette blanche moelleuse, avec des murs en bois clair, des accents et des tables de chevet en bois fonc\u00e9.<br \/>\nLa salle de bain est spacieuse, avec du marbre clair partout, un pommeau de douche \u00e0 cascade, une banquette et un grand meuble-lavabo.<br \/>\nNouvelle moquette (2025)<\/p>\n<p>&nbsp;<\/p>\n<p>Pont sup\u00e9rieur<br \/>\nLe flybridge du 27 Metri est tr\u00e8s spacieux et a \u00e9t\u00e9 r\u00e9am\u00e9nag\u00e9 au cours des 10 derniers mois.<br \/>\nIl est maintenant \u00e9quip\u00e9 d&rsquo;un jacuzzi Kinedo personnalis\u00e9 provenant d&rsquo;Italie \u00e0 l&rsquo;arri\u00e8re avec des salons en teck de chaque c\u00f4t\u00e9. Le jacuzzi peut facilement \u00eatre retir\u00e9 du flybridge si on le souhaite. R\u00e9vision en mars 2025, toutes les lignes ont \u00e9t\u00e9 nettoy\u00e9es.<br \/>\nLes propri\u00e9taires ont \u00e9galement fait fabriquer une station de grillades au propane sur mesure pour le c\u00f4t\u00e9 tribord du pont, qui comprend une table de cuisson et un grand barbecue en acier inoxydable avec un espace de rangement en dessous.<br \/>\nUn auvent r\u00e9tractable couvre le jacuzzi et le salon \u00e0 l&rsquo;arri\u00e8re.<br \/>\n\u00c0 l&rsquo;avant du gril, \u00e0 tribord, se trouve une grande salle \u00e0 manger en forme de U, \u00e0 l&rsquo;arri\u00e8re du bateau.<\/p>\n<p>Le bar est \u00e9quip\u00e9 d&rsquo;un \u00e9vier, d&rsquo;un barbecue Kenyon, de nombreux comptoirs, d&rsquo;un r\u00e9frig\u00e9rateur Isotherm et d&rsquo;une machine \u00e0 gla\u00e7ons.<br \/>\nIl y a un toit ouvrant r\u00e9tractable et un abri EZ2CY qui peut \u00eatre enlev\u00e9 si on le souhaite, mais qui est aussi tr\u00e8s utile en cas de mauvais temps.<br \/>\n\u00c0 l&rsquo;avant de la salle \u00e0 manger se trouve le poste de pilotage sup\u00e9rieur avec des si\u00e8ges suppl\u00e9mentaires orient\u00e9s vers l&rsquo;avant \u00e0 b\u00e2bord.<br \/>\nSous les deux banquettes se trouvent des armoires de rangement suppl\u00e9mentaires, id\u00e9ales pour ranger tous les produits de nettoyage, les housses de coussins, etc. Nouveaux coussins (2025)<br \/>\nLe poste de pilotage sup\u00e9rieur est \u00e9quip\u00e9 de deux \u00e9crans Simrad ainsi que de deux \u00e9crans LCD MAN pour le contr\u00f4le des moteurs.<br \/>\nLes radeaux de sauvetage Revere et la RLS sont mont\u00e9s sur les c\u00f4t\u00e9s ext\u00e9rieurs du flybridge, sur la rambarde en inox, \u00e0 jour.<br \/>\n6 haut-parleurs JL sont mont\u00e9s dans le hard top, et un \u00e9clairage LED personnalis\u00e9 a \u00e9t\u00e9 ajout\u00e9 sur le p\u00e9rim\u00e8tre.<\/p>\n<p>&nbsp;<\/p>\n<p>Pont arri\u00e8re<br \/>\nLe pont arri\u00e8re du 27 Metri est un excellent endroit pour se r\u00e9unir et recevoir ses invit\u00e9s.<br \/>\nLes portes du salon peuvent \u00eatre ouvertes pour cr\u00e9er un grand espace int\u00e9rieur\/ext\u00e9rieur, et il y a un acc\u00e8s facile au flybridge, \u00e0 la proue, et au garage \u00e0 annexe\/plateforme de natation.<br \/>\nLa sole est recouverte d&rsquo;un magnifique teck, et les propri\u00e9taires ont fait construire un meuble sur mesure avec une machine \u00e0 gla\u00e7ons Scotsman et un robinet d&rsquo;eau alcaline pour remplir les bouteilles.<br \/>\nJuste au-dessus de ce meuble se trouve une t\u00e9l\u00e9vision (2025) mont\u00e9e au plafond et recouverte lorsqu&rsquo;elle n&rsquo;est pas utilis\u00e9e.<br \/>\nLa banquette en U peut facilement accueillir plus de 8 personnes, et un \u00e9cran d&rsquo;intimit\u00e9 peut \u00eatre abaiss\u00e9 derri\u00e8re le canap\u00e9 si vous le souhaitez.<\/p>\n<p>Il y a un \u00e9clairage LED personnalis\u00e9 qui change de couleur au-dessus de la t\u00eate, ainsi que 4 haut-parleurs JL suppl\u00e9mentaires.<br \/>\nUn troisi\u00e8me joystick Aventics et une commande de propulseur se trouvent sur le c\u00f4t\u00e9 tribord du cockpit.<br \/>\nDe grands treuils d&rsquo;amarrage en inox sont situ\u00e9s \u00e0 b\u00e2bord et \u00e0 tribord avec des p\u00e9dales en dessous.<br \/>\nIl y a d&rsquo;\u00e9normes coffres de rangement sous les si\u00e8ges du pont arri\u00e8re, auxquels on peut \u00e9galement acc\u00e9der par le garage.<\/p>\n<p>&nbsp;<\/p>\n<p>Salle des machines\/m\u00e9canique<br \/>\nMoteurs MAN 1900 HP avec 1450 heures de fonctionnement.<br \/>\nNum\u00e9ro de s\u00e9rie au port : 710-5578-821-5574<br \/>\nNum\u00e9ro de s\u00e9rie tribord : 710-5578-809-5574<br \/>\nTransmissions ZF 3050 V.<br \/>\nStabilisation des ailerons CMC.<br \/>\nPropulseurs hydrauliques de proue et de poupe.<br \/>\nDeux g\u00e9n\u00e9rateurs Kohler 32EKOZD &#8211; 32 kW &#8211; 60 hz.<br \/>\nPort : 2753 heures<br \/>\nNum\u00e9ro de s\u00e9rie portuaire : 33CTGMGD0011<br \/>\nTribord : 1730 heures 1730 heures<br \/>\nNum\u00e9ro de s\u00e9rie tribord : 33CTGMGD0009<br \/>\nSyst\u00e8me de vidange d&rsquo;huile REVERSO pour les transmissions, les moteurs principaux et les g\u00e9n\u00e9rateurs.<br \/>\nRefroidisseur Dometic Condaria &#8211; 180 000 BTU<br \/>\n2 x Ital Winch Guindeau vertical &#8211; 230V avec t\u00e9l\u00e9commande.<br \/>\n6 \u00e9clairages sous-marins sur le tableau arri\u00e8re et les c\u00f4t\u00e9s, plus r\u00e9cemment ajout\u00e9s<br \/>\nDessalinisateur Bluewater LEGEND 1200 GPD<br \/>\nClimatisation de la salle des machines x 2 unit\u00e9s.<br \/>\nSyst\u00e8mes ASea Power x 2<br \/>\nMod\u00e8le 1 : AC25QTP-1 Master<br \/>\nMod\u00e8le 2 : AC25QTP &#8211; 1 esclave<br \/>\nGlendinning Cablemaster pour les cordons d&rsquo;alimentation \u00e0 quai.<br \/>\nFiltre ElectroSea pour le syst\u00e8me AC<br \/>\nJoints d&rsquo;arbre sans \u00e9gouttement Microtem<br \/>\nCam\u00e9ras de la salle des machines affich\u00e9es sur les \u00e9crans Simrad<br \/>\nSyst\u00e8me d&rsquo;extinction d&rsquo;incendie SeaFire Model H-240, r\u00e9vis\u00e9 en mars 2025<\/p>\n<p>&nbsp;<\/p>\n<p>Quartiers de l&rsquo;\u00e9quipage<br \/>\nLes quartiers de l&rsquo;\u00e9quipage sont accessibles par la porte situ\u00e9e sur le pont b\u00e2bord ou par la porte de la salle des machines.<br \/>\nIl y a deux cabines qui peuvent accueillir jusqu&rsquo;\u00e0 4 membres d&rsquo;\u00e9quipage. L&rsquo;une des cabines est \u00e9quip\u00e9e d&rsquo;une grande couchette et l&rsquo;autre de deux lits superpos\u00e9s.<br \/>\nLe coin cuisine est spacieux et dispose d&rsquo;un deuxi\u00e8me lave-linge et s\u00e8che-linge Miele (s\u00e9rie professionnelle).<br \/>\nIl y a \u00e9galement un joli coin salon avec une petite table, un micro-ondes et une t\u00e9l\u00e9vision fix\u00e9e au mur.<br \/>\nLa salle d&rsquo;eau est \u00e9quip\u00e9e d&rsquo;une douche s\u00e9par\u00e9e et est partag\u00e9e entre les deux cabines.<br \/>\nChaque couchette dispose de sa propre t\u00e9l\u00e9vision.<br \/>\nLes cabines de l&rsquo;\u00e9quipage disposent chacune d&rsquo;une penderie et d&rsquo;un espace de rangement suppl\u00e9mentaire pr\u00e8s de l&rsquo;entr\u00e9e.<br \/>\nAu-dessus du coin salon se trouve un petit \u00e9cran tactile qui permet \u00e0 l&rsquo;\u00e9quipage de contr\u00f4ler les syst\u00e8mes du navire.<br \/>\nMoniteur suppl\u00e9mentaire<\/p>\n<p>&nbsp;<\/p>\n<p>&nbsp;<\/p>\n<p><strong><span style=\"color: black;\">AVIS DE NON-RESPONSABILIT\u00c9<\/span><\/strong><\/p>\n<p><strong><span style=\"color: black; font-weight: normal;\">Le bateau qui est pr\u00e9sent\u00e9 sur cette page, l\u2019est uniquement \u00e0 titre d\u2019information et n\u2019est pas n\u00e9cessairement toujours disponible \u00e0 la vente et\/ou \u00e0 la location.<\/span><\/strong><span class=\"apple-converted-space\"><b><span style=\"color: black;\">\u00a0<\/span><\/b><\/span><strong><span style=\"color: black; font-weight: normal;\">Ce bateau est peut-\u00eatre offert sous r\u00e9serve, il faut v\u00e9rifier sa disponibilit\u00e9.<\/span><\/strong><span class=\"apple-converted-space\"><b><span style=\"color: black;\">\u00a0<\/span><\/b><\/span><strong><span style=\"color: black; font-weight: normal;\">\u00a0Ce document ou cette annonce n\u2019est pas contractuel. Les informations sur les bateaux affich\u00e9es dans les r\u00e9sultats ci-dessus sont pr\u00e9sent\u00e9es en toute bonne foi et, bien qu\u2019elles soient consid\u00e9r\u00e9es comme correctes, elles ne sont pas garanties. Ita Yachts Canada ne garantit pas et n\u2019assume aucune responsabilit\u00e9 l\u00e9gale ou responsabilit\u00e9 pour l\u2019exactitude, l\u2019exhaustivit\u00e9 ou l\u2019utilit\u00e9 des informations et\/ou des images affich\u00e9es, car elles peuvent ne pas \u00eatre \u00e0 jour ou encore \u00eatres des images d\u2019un bateau comparable. Toutes les informations sur les bateaux peuvent \u00eatre modifi\u00e9es sans pr\u00e9avis et sont sans garantie.<\/span><\/strong><span class=\"apple-converted-space\"><b><span style=\"color: black;\">\u00a0<\/span><\/b><\/span><strong><span style=\"color: black; font-weight: normal;\">Ce bateau est peut-\u00eatre offert par un autre courtier ouvert au co-courtage (co-brokerage).<\/span><\/strong><\/p>\n<p>&nbsp;<\/p>\n<div data-test='contact-form'\n\t\t\tid='contact-form-218687'\n\t\t\tclass='jetpack-contact-form-container '\n\t\t\tdata-wp-interactive='jetpack\/form' data-wp-context='{\"formId\":\"218687\",\"formHash\":\"7c80249942630306040619157298ee79ea704edf\",\"showErrors\":false,\"errors\":[],\"fields\":[],\"isMultiStep\":false,\"useAjax\":false,\"submissionData\":null,\"formattedSubmissionData\":[],\"submissionSuccess\":false,\"submissionError\":null,\"elementId\":\"jp-form-7c80249942630306040619157298ee79ea704edf\",\"isSingleInputForm\":false,\"isForcedHorizontal\":false}'\n\t\t\tdata-wp-watch--scroll-to-wrapper=\"callbacks.scrollToWrapper\"\n\t\t>\n<div class=\"contact-form-submission contact-form-ajax-submission\" data-wp-bind--aria-hidden=\"state.isSuccessMessageAriaHidden\" data-wp-class--submission-success=\"context.submissionSuccess\" id=\"contact-form-success-7c80249942630306040619157298ee79ea704edf\" tabindex=\"-1\" aria-labelledby=\"contact-form-success-header-7c80249942630306040619157298ee79ea704edf\"><p class=\"go-back-message\"><a class=\"link\" role=\"button\" tabindex=\"0\" data-wp-on--click=\"actions.goBack\" href=\"\/fr\/wp-json\/wp\/v2\/listing\/218687\">\u2190 Retour<\/a><\/p><h4 data-wp-bind--aria-hidden=\"state.isSuccessMessageAriaHidden\" id=\"contact-form-success-header-7c80249942630306040619157298ee79ea704edf\">Merci pour votre r\u00e9ponse. \u2728<\/h4>\n\n<template data-wp-each--submission=\"context.formattedSubmissionData\">\n\t\t\t\t\t<div class=\"jetpack_forms_contact-form-success-summary\">\n\t\t\t\t\t\t<div class=\"field-name-wrapper\">\n\t\t\t\t\t\t\t<div class=\"field-type-icon\" data-wp-watch=\"callbacks.watchFieldTypeIcon\"><\/div>\n\t\t\t\t\t\t\t<div class=\"field-name\" data-wp-text=\"context.submission.label\" data-wp-bind--hidden=\"!context.submission.label\"><\/div>\n\t\t\t\t\t\t<\/div>\n\t\t\t\t\t\t<div class=\"field-value\" data-wp-text=\"context.submission.value\" data-wp-bind--hidden=\"!context.submission.showPlainValue\"><\/div>\n\t\t\t\t\t\t<a class=\"field-url\" data-wp-bind--href=\"context.submission.url\" data-wp-text=\"context.submission.value\" data-wp-bind--hidden=\"!context.submission.url\" target=\"_blank\" rel=\"noopener noreferrer\"><\/a>\n\t\t\t\t\t\t<div class=\"field-rating\" data-wp-bind--hidden=\"!context.submission.rating\" data-wp-watch=\"callbacks.watchRatingIcons\"><\/div>\n\t\t\t\t\t\t<div class=\"field-images\" data-wp-bind--hidden=\"!context.submission.images\">\n\t\t\t\t\t\t\t<template data-wp-each--image=\"context.submission.images\">\n\t\t\t\t\t\t\t\t<div class=\"field-image-option\" data-wp-class--is-empty=\"!context.image.src\">\n\t\t\t\t\t\t\t\t\t<figure class=\"field-image-option__image\" data-wp-class--is-empty=\"!context.image.src\">\n\t\t\t\t\t\t\t\t\t\t<img data-wp-bind--src=\"context.image.src\" data-wp-bind--hidden=\"!context.image.src\" \/>\n\t\t\t\t\t\t\t\t\t\t<img decoding=\"async\" src=\"data:image\/gif;base64,R0lGODlhAQABAAD\/ACwAAAAAAQABAAACADs=\" data-wp-bind--hidden=\"context.image.src\" \/>\n\t\t\t\t\t\t\t\t\t<\/figure>\n\t\t\t\t\t\t\t\t\t<div class=\"field-image-option__label-wrapper\">\n\t\t\t\t\t\t\t\t\t\t<span class=\"field-image-option__label-code\" data-wp-text=\"context.image.letterCode\"><\/span>\n\t\t\t\t\t\t\t\t\t\t<span class=\"field-image-option__label\" data-wp-text=\"context.image.label\" data-wp-bind--hidden=\"!context.image.label\"><\/span>\n\t\t\t\t\t\t\t\t\t<\/div>\n\t\t\t\t\t\t\t\t<\/div>\n\t\t\t\t\t\t\t<\/template>\n\t\t\t\t\t\t<\/div>\n\t\t\t\t\t\t<div class=\"field-files\" data-wp-bind--hidden=\"!context.submission.files\">\n\t\t\t\t\t\t\t<template data-wp-each--file=\"context.submission.files\">\n\t\t\t\t\t\t\t\t<div class=\"field-file\">\n\t\t\t\t\t\t\t\t\t<div class=\"field-file__thumbnail\" data-wp-style--background-image=\"context.file.previewUrl\" data-wp-style--mask-image=\"context.file.iconUrl\" data-wp-bind--hidden=\"!context.file.hasPreview\"><\/div>\n\t\t\t\t\t\t\t\t\t<svg class=\"field-file__icon\" data-wp-bind--hidden=\"context.file.hasPreview\" width=\"20\" height=\"20\" viewBox=\"0 0 24 24\" fill=\"none\" xmlns=\"http:\/\/www.w3.org\/2000\/svg\" aria-hidden=\"true\">\n\t\t\t\t\t\t\t\t\t\t<path d=\"M14 2H6C4.9 2 4 2.9 4 4V20C4 21.1 4.89 22 5.99 22H18C19.1 22 20 21.1 20 20V8L14 2ZM18 20H6V4H13V9H18V20Z\" fill=\"currentColor\"\/>\n\t\t\t\t\t\t\t\t\t<\/svg>\n\t\t\t\t\t\t\t\t\t<span class=\"field-file__name\" data-wp-text=\"context.file.name\"><\/span>\n\t\t\t\t\t\t\t\t\t<span class=\"field-file__size\" data-wp-text=\"context.file.size\"><\/span>\n\t\t\t\t\t\t\t\t<\/div>\n\t\t\t\t\t\t\t<\/template>\n\t\t\t\t\t\t<\/div>\n\t\t\t\t\t<\/div>\n\t\t\t\t<\/template><\/div><form action='https:\/\/itayachtscanada.com\/fr\/listing\/azimut-grande-27-metri-2021-5644000-usd-for-sale\/'\n\t\t\t\tid='jp-form-7c80249942630306040619157298ee79ea704edf'\n\t\t\t\tmethod='post'\n\t\t\t\tclass='contact-form commentsblock jetpack-contact-form__form has-no-jetpack-form-layout' aria-label=\"{:en}Azimut Grande 27 Metri 2021 $4,949,000 usd for sale{:}{:fr}Azimut Grande 27 Metri 2021 $4,949,000 usd \u00e0 vendre{:}\"\n\t\t\t\tdata-wp-on--submit=\"actions.onFormSubmit\"\n\t\t\t\tdata-wp-on--reset=\"actions.onFormReset\"\n\t\t\t\tdata-wp-class--submission-success=\"context.submissionSuccess\"\n\t\t\t\tdata-wp-class--is-first-step=\"state.isFirstStep\"\n\t\t\t\tdata-wp-class--is-last-step=\"state.isLastStep\"\n\t\t\t\tdata-wp-class--is-ajax-form=\"context.useAjax\"\n\t\t\t\tnovalidate >\n<input type='hidden' name='jetpack_contact_form_jwt' value='eyJ0eXAiOiJKV1QiLCJhbGciOiJIUzI1NiJ9.eyJlbmNyeXB0ZWRfYXR0cmlidXRlcyI6InlTZ0FEbWFnT1NhdC9aYnRZR2h5djMvaGRYSm9VaTQ3S2tacXZXdFBTR0pKU0k2VXhGaDJ6Q2tycWJCM3YrNkl3WFlBVjcyY00yR2NGYkJEejNCQ1JWVitOSS9nUGhsS3RsSEw2U2RqUUxDT2RFNGhXNSsrTUFSa01OalgrUDNJWHhxZU9uclIvdk8vWFRmbWxsYTJoeU5MMTEzRi8zZnBmMWdiU3hqWTBXR3R6UXJ0amFDcndoQWh6VzFhczNDTkgyWEVxRWZEbWY3VnB0VDNZd0hNOEJnSmpGM3JmakozNFZMeTlWRDZPNndDSFp6QjlUTldZdUd2MkF3TGVkYUFUNTZ2RmdPRTBDcUl1czZxK1VHVm8wVWhMQVNiQWpjekJrbjRrbmJzZDRVM2kyTXR1RG54UDB6N1U1OUswdlpmYXIzV2I0SEgwTmRqd291Yk9DVXJaOHZ2VmVRalRpUUxKcE1tSWpqUjNXYlhGWEZUVTJMZzBFaTE5a0dVS3FRN1ZSekY0VTFqSjdSRXBxMFFoQ0tRa3Z1MDRDTDVRU2VTYlJmV1RadkFOQTdKNTlLcEdRams3UU5FMVlZQ1BqWTQ4bEtGRkZlSUlwQVpIRlBiV0tyenNwUWlXTExaUDRQUXkvaGFkREdYS1VLMnpNMHR5cTAzRXA4YmZ5bGtXdDZtWi9mMi93QVpXbEhiSXQvZk03VjMwaTR1V1V1dW9iWUIzM0lROUd3Wnc0akJxclFpNFRubEpyWkRqWGdZSWkyU3M2emJFMEgxZDU3aG9WOXZFQTlFN0tpSmtjUVNYL0tTVWxTNnN6dlB5YS9QY2pTRVIxYlVoSUphSjlJOVl4N3gxNzQrOHZEMlNHbFBMd1ZqTTl3ajhTOU12WmYvcDJPT1IxTUtMYk1XVjhXY01YcXY1YnFIYXQ4RW0yQmlkQWZwdWhlSmdBT01WRTNqVHpPcFpzeXBvMktlVnRCZWppVlFkQUtVSXpiclFWQWVEdTRrMnpjeVQxK2xSMmxuTVZUV3lKdVNFYlJXdFJNWHluaTNzN0FJdFBXejYyOVVhTE5NS1RpTWZvVElGdzVuUFNHMkQxMWY2cHJxZDdLM2JyczIxRFhnaTgySDhLV0VBaElCOVk3KzRERlpGZkVkYWVIUzIyNVlBRko4YXZWMHB0TnNaUzNsS2cwc2l6cjg3YUFXK2lkWU1MTVh1ajlHcFFkSFIzeHdVclZhb3dVdkpsbWx5Wmh0T09sUHB0a1M1T3QzaVlYM3MzaFFxRXVPaTZlZzhJVEZ5NnRGKzBLaUpiMTkiLCJjb250ZW50IjoiW2NvbnRhY3QtZmllbGQgbGFiZWw9XCJOb206XCIgdHlwZT1cIm5hbWVcIiByZXF1aXJlZD1cIjFcIl1bY29udGFjdC1maWVsZCBsYWJlbD1cIkUtbWFpbFwiIHR5cGU9XCJlbWFpbFwiIHJlcXVpcmVkPVwiMVwiXVtjb250YWN0LWZpZWxkIGxhYmVsPVwiQXUgc3VqZXQgZGUgY2UgbWVnYXlhY2h0OiBcIiB0eXBlPVwidGV4dFwiXVtjb250YWN0LWZpZWxkIGxhYmVsPVwiTWVzc2FnZVwiIHR5cGU9XCJ0ZXh0YXJlYVwiXSIsImhhc2giOiI3YzgwMjQ5OTQyNjMwMzA2MDQwNjE5MTU3Mjk4ZWU3OWVhNzA0ZWRmIiwic291cmNlIjp7ImVudHJ5X3RpdGxlIjoiQXppbXV0IEdyYW5kZSAyNyBNZXRyaSAyMDIxICQ0LDk0OSwwMDAgdXNkIFx1MDBlMCB2ZW5kcmUiLCJlbnRyeV9wYWdlIjoxLCJzb3VyY2VfaWQiOjIxODY4Nywic291cmNlX3R5cGUiOiJzaW5nbGUiLCJyZXF1ZXN0X3VybCI6Imh0dHBzOi8vaXRheWFjaHRzY2FuYWRhLmNvbS9mci93cC1qc29uL3dwL3YyL2xpc3RpbmcvMjE4Njg3In0sInZlcnNpb24iOjIsImNpcGhlciI6ImFlcy0yNTYtZ2NtIn0.FqT5GFJBfuWd4_spKtDOSssLlUJ6uQ-ELCJugClWgvo' \/>\n\n<div style=\"\"  data-wp-interactive=\"jetpack\/form\" data-wp-context='{\"fieldId\":\"g218687-nom\",\"fieldType\":\"name\",\"fieldLabel\":\"Nom:\",\"fieldValue\":\"\",\"fieldPlaceholder\":\"\",\"fieldIsRequired\":\"1\",\"fieldErrorMessage\":\"\",\"fieldExtra\":[],\"formHash\":\"7c80249942630306040619157298ee79ea704edf\"}'  class='grunion-field-name-wrap grunion-field-wrap'  data-wp-init='callbacks.initializeField' data-wp-on--jetpack-form-reset='callbacks.initializeField' >\n<label\n\t\t\t\tfor='g218687-nom' class=\"grunion-field-label name\" >Nom:<span class=\"grunion-label-required\" aria-hidden=\"true\">(obligatoire)<\/span><\/label>\n<input\n\t\t\t\t\ttype='text'\n\t\t\t\t\tname='g218687-nom'\n\t\t\t\t\tid='g218687-nom'\n\t\t\t\t\tvalue=''\n\n\t\t\t\t\tdata-wp-bind--aria-invalid='state.fieldAriaInvalid'\n\t\t\t\t\tdata-wp-bind--value='state.getFieldValue'\n\t\t\t\t\taria-describedby='g218687-nom-text-error-message'\n\t\t\t\t\tdata-wp-on--input='actions.onFieldChange'\n\t\t\t\t\tdata-wp-on--blur='actions.onFieldBlur'\n\t\t\t\t\tdata-wp-class--has-value='state.hasFieldValue'\n\n\t\t\t\t\tclass='name  grunion-field' \n\t\t\t\t\trequired='true' aria-required='true'  \/>\n \n\t\t\t<div id=\"g218687-nom-text-error\" class=\"contact-form__input-error\" data-wp-class--has-errors=\"state.fieldHasErrors\">\n\t\t\t\t<span class=\"contact-form__warning-icon\" aria-hidden=\"true\">\n\t\t\t\t\t<svg width=\"16\" height=\"16\" viewBox=\"0 0 16 16\" fill=\"none\" xmlns=\"http:\/\/www.w3.org\/2000\/svg\">\n\t\t\t\t\t\t<path d=\"M8.50015 11.6402H7.50015V10.6402H8.50015V11.6402Z\" \/>\n\t\t\t\t\t\t<path d=\"M7.50015 9.64018H8.50015V6.30684H7.50015V9.64018Z\" \/>\n\t\t\t\t\t\t<path fill-rule=\"evenodd\" clip-rule=\"evenodd\" d=\"M6.98331 3.0947C7.42933 2.30177 8.57096 2.30177 9.01698 3.09469L13.8771 11.7349C14.3145 12.5126 13.7525 13.4735 12.8602 13.4735H3.14004C2.24774 13.4735 1.68575 12.5126 2.12321 11.7349L6.98331 3.0947ZM8.14541 3.58496C8.08169 3.47168 7.9186 3.47168 7.85488 3.58496L2.99478 12.2251C2.93229 12.3362 3.01257 12.4735 3.14004 12.4735H12.8602C12.9877 12.4735 13.068 12.3362 13.0055 12.2251L8.14541 3.58496Z\" \/>\n\t\t\t\t\t<\/svg>\n\t\t\t\t<\/span>\n\t\t\t\t<span data-wp-text=\"state.errorMessage\" id=\"g218687-nom-text-error-message\"><\/span>\n\t\t\t<\/div> \n\t<\/div>\n\n<div style=\"\"  data-wp-interactive=\"jetpack\/form\" data-wp-context='{\"fieldId\":\"g218687-email\",\"fieldType\":\"email\",\"fieldLabel\":\"E-mail\",\"fieldValue\":\"\",\"fieldPlaceholder\":\"\",\"fieldIsRequired\":\"1\",\"fieldErrorMessage\":\"\",\"fieldExtra\":[],\"formHash\":\"7c80249942630306040619157298ee79ea704edf\"}'  class='grunion-field-email-wrap grunion-field-wrap'  data-wp-init='callbacks.initializeField' data-wp-on--jetpack-form-reset='callbacks.initializeField' >\n<label\n\t\t\t\tfor='g218687-email' class=\"grunion-field-label email\" >E-mail<span class=\"grunion-label-required\" aria-hidden=\"true\">(obligatoire)<\/span><\/label>\n<input\n\t\t\t\t\ttype='email'\n\t\t\t\t\tname='g218687-email'\n\t\t\t\t\tid='g218687-email'\n\t\t\t\t\tvalue=''\n\n\t\t\t\t\tdata-wp-bind--aria-invalid='state.fieldAriaInvalid'\n\t\t\t\t\tdata-wp-bind--value='state.getFieldValue'\n\t\t\t\t\taria-describedby='g218687-email-email-error-message'\n\t\t\t\t\tdata-wp-on--input='actions.onFieldChange'\n\t\t\t\t\tdata-wp-on--blur='actions.onFieldBlur'\n\t\t\t\t\tdata-wp-class--has-value='state.hasFieldValue'\n\n\t\t\t\t\tclass='email  grunion-field' \n\t\t\t\t\trequired='true' aria-required='true'  \/>\n \n\t\t\t<div id=\"g218687-email-email-error\" class=\"contact-form__input-error\" data-wp-class--has-errors=\"state.fieldHasErrors\">\n\t\t\t\t<span class=\"contact-form__warning-icon\" aria-hidden=\"true\">\n\t\t\t\t\t<svg width=\"16\" height=\"16\" viewBox=\"0 0 16 16\" fill=\"none\" xmlns=\"http:\/\/www.w3.org\/2000\/svg\">\n\t\t\t\t\t\t<path d=\"M8.50015 11.6402H7.50015V10.6402H8.50015V11.6402Z\" \/>\n\t\t\t\t\t\t<path d=\"M7.50015 9.64018H8.50015V6.30684H7.50015V9.64018Z\" \/>\n\t\t\t\t\t\t<path fill-rule=\"evenodd\" clip-rule=\"evenodd\" d=\"M6.98331 3.0947C7.42933 2.30177 8.57096 2.30177 9.01698 3.09469L13.8771 11.7349C14.3145 12.5126 13.7525 13.4735 12.8602 13.4735H3.14004C2.24774 13.4735 1.68575 12.5126 2.12321 11.7349L6.98331 3.0947ZM8.14541 3.58496C8.08169 3.47168 7.9186 3.47168 7.85488 3.58496L2.99478 12.2251C2.93229 12.3362 3.01257 12.4735 3.14004 12.4735H12.8602C12.9877 12.4735 13.068 12.3362 13.0055 12.2251L8.14541 3.58496Z\" \/>\n\t\t\t\t\t<\/svg>\n\t\t\t\t<\/span>\n\t\t\t\t<span data-wp-text=\"state.errorMessage\" id=\"g218687-email-email-error-message\"><\/span>\n\t\t\t<\/div> \n\t<\/div>\n\n<div style=\"\"  data-wp-interactive=\"jetpack\/form\" data-wp-context='{\"fieldId\":\"g218687-ausujetdecemegayacht\",\"fieldType\":\"text\",\"fieldLabel\":\"Au sujet de ce megayacht: \",\"fieldValue\":\"\",\"fieldPlaceholder\":\"\",\"fieldIsRequired\":\"\",\"fieldErrorMessage\":\"\",\"fieldExtra\":[],\"formHash\":\"7c80249942630306040619157298ee79ea704edf\"}'  class='grunion-field-text-wrap grunion-field-wrap'  data-wp-init='callbacks.initializeField' data-wp-on--jetpack-form-reset='callbacks.initializeField' >\n<label\n\t\t\t\tfor='g218687-ausujetdecemegayacht' class=\"grunion-field-label text\" >Au sujet de ce megayacht: <\/label>\n<input\n\t\t\t\t\ttype='text'\n\t\t\t\t\tname='g218687-ausujetdecemegayacht'\n\t\t\t\t\tid='g218687-ausujetdecemegayacht'\n\t\t\t\t\tvalue=''\n\n\t\t\t\t\tdata-wp-bind--aria-invalid='state.fieldAriaInvalid'\n\t\t\t\t\tdata-wp-bind--value='state.getFieldValue'\n\t\t\t\t\taria-describedby='g218687-ausujetdecemegayacht-text-error-message'\n\t\t\t\t\tdata-wp-on--input='actions.onFieldChange'\n\t\t\t\t\tdata-wp-on--blur='actions.onFieldBlur'\n\t\t\t\t\tdata-wp-class--has-value='state.hasFieldValue'\n\n\t\t\t\t\tclass='text  grunion-field' \n\t\t\t\t\t \/>\n \n\t\t\t<div id=\"g218687-ausujetdecemegayacht-text-error\" class=\"contact-form__input-error\" data-wp-class--has-errors=\"state.fieldHasErrors\">\n\t\t\t\t<span class=\"contact-form__warning-icon\" aria-hidden=\"true\">\n\t\t\t\t\t<svg width=\"16\" height=\"16\" viewBox=\"0 0 16 16\" fill=\"none\" xmlns=\"http:\/\/www.w3.org\/2000\/svg\">\n\t\t\t\t\t\t<path d=\"M8.50015 11.6402H7.50015V10.6402H8.50015V11.6402Z\" \/>\n\t\t\t\t\t\t<path d=\"M7.50015 9.64018H8.50015V6.30684H7.50015V9.64018Z\" \/>\n\t\t\t\t\t\t<path fill-rule=\"evenodd\" clip-rule=\"evenodd\" d=\"M6.98331 3.0947C7.42933 2.30177 8.57096 2.30177 9.01698 3.09469L13.8771 11.7349C14.3145 12.5126 13.7525 13.4735 12.8602 13.4735H3.14004C2.24774 13.4735 1.68575 12.5126 2.12321 11.7349L6.98331 3.0947ZM8.14541 3.58496C8.08169 3.47168 7.9186 3.47168 7.85488 3.58496L2.99478 12.2251C2.93229 12.3362 3.01257 12.4735 3.14004 12.4735H12.8602C12.9877 12.4735 13.068 12.3362 13.0055 12.2251L8.14541 3.58496Z\" \/>\n\t\t\t\t\t<\/svg>\n\t\t\t\t<\/span>\n\t\t\t\t<span data-wp-text=\"state.errorMessage\" id=\"g218687-ausujetdecemegayacht-text-error-message\"><\/span>\n\t\t\t<\/div> \n\t<\/div>\n\n<div style=\"\"  data-wp-interactive=\"jetpack\/form\" data-wp-context='{\"fieldId\":\"g218687-message\",\"fieldType\":\"textarea\",\"fieldLabel\":\"Message\",\"fieldValue\":\"\",\"fieldPlaceholder\":\"\",\"fieldIsRequired\":\"\",\"fieldErrorMessage\":\"\",\"fieldExtra\":[],\"formHash\":\"7c80249942630306040619157298ee79ea704edf\"}'  class='grunion-field-textarea-wrap grunion-field-wrap'  data-wp-init='callbacks.initializeField' data-wp-on--jetpack-form-reset='callbacks.initializeField' >\n<label\n\t\t\t\tfor='contact-form-comment-g218687-message' class=\"grunion-field-label textarea\" >Message<\/label>\n<textarea\n\t\t                style=''\n\t\t                name='g218687-message'\n\t\t                id='contact-form-comment-g218687-message'\n\t\t                rows='20'\n\t\t\t\t\t\tdata-wp-text='state.getFieldValue'\n\t\t\t\t\t\tdata-wp-on--input='actions.onFieldChange'\n\t\t\t\t\t\tdata-wp-on--blur='actions.onFieldBlur'\n\t\t\t\t\t\tdata-wp-class--has-value='state.hasFieldValue'\n\t\t\t\t\t\taria-describedby='g218687-message-textarea-error-message'\n\t\t\t\t\t\tdata-wp-bind--aria-invalid='state.fieldAriaInvalid'\n\t\t\t\t\t\tclass='textarea  grunion-field'  ><\/textarea>\n \n\t\t\t<div id=\"g218687-message-textarea-error\" class=\"contact-form__input-error\" data-wp-class--has-errors=\"state.fieldHasErrors\">\n\t\t\t\t<span class=\"contact-form__warning-icon\" aria-hidden=\"true\">\n\t\t\t\t\t<svg width=\"16\" height=\"16\" viewBox=\"0 0 16 16\" fill=\"none\" xmlns=\"http:\/\/www.w3.org\/2000\/svg\">\n\t\t\t\t\t\t<path d=\"M8.50015 11.6402H7.50015V10.6402H8.50015V11.6402Z\" \/>\n\t\t\t\t\t\t<path d=\"M7.50015 9.64018H8.50015V6.30684H7.50015V9.64018Z\" \/>\n\t\t\t\t\t\t<path fill-rule=\"evenodd\" clip-rule=\"evenodd\" d=\"M6.98331 3.0947C7.42933 2.30177 8.57096 2.30177 9.01698 3.09469L13.8771 11.7349C14.3145 12.5126 13.7525 13.4735 12.8602 13.4735H3.14004C2.24774 13.4735 1.68575 12.5126 2.12321 11.7349L6.98331 3.0947ZM8.14541 3.58496C8.08169 3.47168 7.9186 3.47168 7.85488 3.58496L2.99478 12.2251C2.93229 12.3362 3.01257 12.4735 3.14004 12.4735H12.8602C12.9877 12.4735 13.068 12.3362 13.0055 12.2251L8.14541 3.58496Z\" \/>\n\t\t\t\t\t<\/svg>\n\t\t\t\t<\/span>\n\t\t\t\t<span data-wp-text=\"state.errorMessage\" id=\"g218687-message-textarea-error-message\"><\/span>\n\t\t\t<\/div>\n\t<\/div>\n\t<p class='contact-submit'>\n<div class=\"contact-form__error\" data-wp-class--show-errors=\"state.showFormErrors\"><span class=\"contact-form__warning-icon\" aria-hidden=\"true\"><i><\/i><\/span><span class=\"contact-form__error-message\" tabindex=\"-1\" data-wp-watch=\"callbacks.focusOnValidationError\" data-wp-text=\"state.getFormErrorMessage\"><\/span><ul aria-label=\"Erreurs de formulaire\">\n\t\t\t\t<template data-wp-each=\"state.getErrorList\" data-wp-key=\"context.item.id\">\n\t\t\t\t\t<li><a data-wp-bind--href=\"context.item.anchor\" data-wp-on--click=\"actions.scrollIntoView\" data-wp-text=\"context.item.label\"><\/a><\/li>\n\t\t\t\t<\/template>\n\t\t\t\t<\/ul><\/div><div class=\"contact-form__error\" data-wp-class--show-errors=\"state.showSubmissionError\" data-wp-text=\"context.submissionError\" tabindex=\"-1\" data-wp-watch=\"callbacks.focusOnSubmissionError\"><\/div>\t\t<button type='submit' class='pushbutton-wide'>Envoyer<\/button>\t\t<input type='hidden' name='contact-form-id' value='218687' \/>\n\t\t<input type='hidden' name='action' value='grunion-contact-form' \/>\n\t\t<input type='hidden' name='contact-form-hash' value='7c80249942630306040619157298ee79ea704edf' \/>\n\t<\/p>\n<p style=\"display: none !important;\" class=\"akismet-fields-container\" data-prefix=\"ak_\"><label>&#916;<textarea name=\"ak_hp_textarea\" cols=\"45\" rows=\"8\" maxlength=\"100\"><\/textarea><\/label><input type=\"hidden\" id=\"ak_js_1\" name=\"ak_js\" value=\"32\"\/><script type=\"text\/javascript\">\n\/* <![CDATA[ *\/\ndocument.getElementById( \"ak_js_1\" ).setAttribute( \"value\", ( new Date() ).getTime() );\n\/* ]]> *\/\n<\/script>\n<\/p><\/form>\n<\/div>\n<p>&nbsp;<\/p>\n<p>&nbsp;<\/p>\n<p>&nbsp;<\/p>\n<\/div>\n<div>\n<div class=\"content-header\"><\/div>\n<\/div>\n","protected":false},"excerpt":{"rendered":"<p>OFF MARKET (retir\u00e9 de la vente) Azimut Grande 27 Metri 2021 $4,949,000 usd \u00e0 vendre Yachts aux normes am\u00e9ricaines (60 hz) Le \u00ab Captain Morgan II \u00bb est un superbe exemple du tr\u00e8s populaire Azimut Grande 27 Metri. C&rsquo;est l&rsquo;un des seuls bateaux de moins de 90 pieds avec un capitaine sur le pont, 4 &hellip; <a href=\"https:\/\/itayachtscanada.com\/fr\/listing\/azimut-grande-27-metri-2021-5644000-usd-for-sale\/\" class=\"more-link\">Lire la suite <span class=\"screen-reader-text\">Azimut Grande 27 Metri 2021 $4,949,000 usd \u00e0 vendre<\/span> <span class=\"meta-nav\">&rarr;<\/span><\/a><\/p>\n","protected":false},"author":119081455,"featured_media":218691,"parent":0,"menu_order":0,"comment_status":"open","ping_status":"open","template":"","format":"standard","meta":{"_coblocks_attr":"","_coblocks_dimensions":"","_coblocks_responsive_height":"","_coblocks_accordion_ie_support":"","_lmt_disableupdate":"no","_lmt_disable":"no","advanced_seo_description":"","jetpack_seo_html_title":"","jetpack_seo_noindex":false,"footnotes":""},"manufacturer":[6426],"prix":[8318],"years":[6378],"length_feet":[6590],"boat_type":[6466],"price_range":[6582],"localisations":[],"numyacht":[10324],"datevente":[10437,10568,10686,10955,11147,11249],"country":[10755],"states":[10770],"city":[10812],"fresh-water-boat":[10809],"broker":[],"migration":[10888],"class_list":["post-218687","listing","type-listing","status-publish","format-standard","has-post-thumbnail","hentry","manufacturer-azimut","prix-8318","years-6378","length_feet-between-80-and-89-feets","boat_type-megayacht","price_range-5000000-6999999","numyacht-10324","datevente-2025-06-12","datevente-2025-08-07","datevente-2025-10-03","datevente-2025-11-29","datevente-2026-01-28","datevente-2026-03-27","country-united-states","states-floride","city-fort-lauderdale","fresh-water-boat-non","migration-non"],"translation":{"provider":"WPGlobus","version":"2.12.2","language":"fr","enabled_languages":["en","fr"],"languages":{"en":{"title":true,"content":true,"excerpt":false},"fr":{"title":true,"content":true,"excerpt":false}}},"jetpack_likes_enabled":true,"jetpack_sharing_enabled":true,"_links":{"self":[{"href":"https:\/\/itayachtscanada.com\/fr\/wp-json\/wp\/v2\/listing\/218687","targetHints":{"allow":["GET"]}}],"collection":[{"href":"https:\/\/itayachtscanada.com\/fr\/wp-json\/wp\/v2\/listing"}],"about":[{"href":"https:\/\/itayachtscanada.com\/fr\/wp-json\/wp\/v2\/types\/listing"}],"author":[{"embeddable":true,"href":"https:\/\/itayachtscanada.com\/fr\/wp-json\/wp\/v2\/users\/119081455"}],"replies":[{"embeddable":true,"href":"https:\/\/itayachtscanada.com\/fr\/wp-json\/wp\/v2\/comments?post=218687"}],"version-history":[{"count":13,"href":"https:\/\/itayachtscanada.com\/fr\/wp-json\/wp\/v2\/listing\/218687\/revisions"}],"predecessor-version":[{"id":298886,"href":"https:\/\/itayachtscanada.com\/fr\/wp-json\/wp\/v2\/listing\/218687\/revisions\/298886"}],"wp:featuredmedia":[{"embeddable":true,"href":"https:\/\/itayachtscanada.com\/fr\/wp-json\/wp\/v2\/media\/218691"}],"wp:attachment":[{"href":"https:\/\/itayachtscanada.com\/fr\/wp-json\/wp\/v2\/media?parent=218687"}],"wp:term":[{"taxonomy":"manufacturer","embeddable":true,"href":"https:\/\/itayachtscanada.com\/fr\/wp-json\/wp\/v2\/manufacturer?post=218687"},{"taxonomy":"prix","embeddable":true,"href":"https:\/\/itayachtscanada.com\/fr\/wp-json\/wp\/v2\/prix?post=218687"},{"taxonomy":"years","embeddable":true,"href":"https:\/\/itayachtscanada.com\/fr\/wp-json\/wp\/v2\/years?post=218687"},{"taxonomy":"length_feet","embeddable":true,"href":"https:\/\/itayachtscanada.com\/fr\/wp-json\/wp\/v2\/length_feet?post=218687"},{"taxonomy":"boat_type","embeddable":true,"href":"https:\/\/itayachtscanada.com\/fr\/wp-json\/wp\/v2\/boat_type?post=218687"},{"taxonomy":"price_range","embeddable":true,"href":"https:\/\/itayachtscanada.com\/fr\/wp-json\/wp\/v2\/price_range?post=218687"},{"taxonomy":"localisations","embeddable":true,"href":"https:\/\/itayachtscanada.com\/fr\/wp-json\/wp\/v2\/localisations?post=218687"},{"taxonomy":"numyacht","embeddable":true,"href":"https:\/\/itayachtscanada.com\/fr\/wp-json\/wp\/v2\/numyacht?post=218687"},{"taxonomy":"datevente","embeddable":true,"href":"https:\/\/itayachtscanada.com\/fr\/wp-json\/wp\/v2\/datevente?post=218687"},{"taxonomy":"country","embeddable":true,"href":"https:\/\/itayachtscanada.com\/fr\/wp-json\/wp\/v2\/country?post=218687"},{"taxonomy":"states","embeddable":true,"href":"https:\/\/itayachtscanada.com\/fr\/wp-json\/wp\/v2\/states?post=218687"},{"taxonomy":"city","embeddable":true,"href":"https:\/\/itayachtscanada.com\/fr\/wp-json\/wp\/v2\/city?post=218687"},{"taxonomy":"fresh-water-boat","embeddable":true,"href":"https:\/\/itayachtscanada.com\/fr\/wp-json\/wp\/v2\/fresh-water-boat?post=218687"},{"taxonomy":"broker","embeddable":true,"href":"https:\/\/itayachtscanada.com\/fr\/wp-json\/wp\/v2\/broker?post=218687"},{"taxonomy":"migration","embeddable":true,"href":"https:\/\/itayachtscanada.com\/fr\/wp-json\/wp\/v2\/migration?post=218687"}],"curies":[{"name":"wp","href":"https:\/\/api.w.org\/{rel}","templated":true}]}}