{"id":218430,"date":"2025-04-16T11:46:18","date_gmt":"2025-04-16T15:46:18","guid":{"rendered":"https:\/\/itayachtscanada.com\/?post_type=listing&#038;p=218430"},"modified":"2026-03-25T11:18:57","modified_gmt":"2026-03-25T15:18:57","slug":"ferretti-670-2022-2950000-usd-a-vendre","status":"publish","type":"listing","link":"https:\/\/itayachtscanada.com\/fr\/listing\/ferretti-670-2022-2950000-usd-a-vendre\/","title":{"rendered":"Ferretti 670 2022 $2,799,500 usd \u00e0 vendre"},"content":{"rendered":"<div class=\"html-content-description\">\n<div class=\"content-box\">\n<div class=\"column-container cols-3\">\n<div class=\"column\">\n<div class=\"column-item\">\n<div class=\"content-box\">\n<div class=\"column-container cols-3\">\n<div class=\"column\">\n<div class=\"column-item\">\n<p>OFF MARKET (pr\u00e9sentement retir\u00e9 de la vente)<\/p>\n<p><strong>Ferretti 670 2022 $2,799,500 usd \u00e0 vendre<\/strong><\/p>\n<p>Lanc\u00e9 en 2018, le Ferretti Yachts 670 est notre cadeau au monde du yachting, et \u00e0 nous-m\u00eames, pour c\u00e9l\u00e9brer notre 50e anniversaire dans un style somptueux. Il est le fruit du partenariat entre le comit\u00e9 de strat\u00e9gie produit du groupe Ferretti et le d\u00e9partement d&rsquo;ing\u00e9nierie &#8211; le premier yacht Ferretti dont le design ext\u00e9rieur a \u00e9t\u00e9 cr\u00e9\u00e9 avec l&rsquo;architecte Filippo Salvetti, tandis que les int\u00e9rieurs sont l&rsquo;\u0153uvre de nos propres architectes et designers internes.<\/p>\n<p>La caract\u00e9ristique principale est l&rsquo;utilisation optimale de l&rsquo;espace, \u00e0 l&rsquo;int\u00e9rieur comme \u00e0 l&rsquo;ext\u00e9rieur, assurant un m\u00e9lange parfait de convivialit\u00e9 et d&rsquo;intimit\u00e9 pour le propri\u00e9taire et ses invit\u00e9s. Le Ferretti Yachts 670 est en fait un bateau de 67 pieds (mesurant 20,24 m), bien qu&rsquo;il soit dot\u00e9 d&rsquo;\u00e9quipements typiques de bateaux plus grands. Cette philosophie de conception appara\u00eet clairement dans l&rsquo;am\u00e9nagement : la version standard dispose de 3 cabines g\u00e9n\u00e9reuses sur le pont inf\u00e9rieur, et la cabine principale, am\u00e9nag\u00e9e de mani\u00e8re imaginative, poss\u00e8de une antichambre qui fait office de bureau spacieux avec une table de travail, un \u00e9l\u00e9ment d\u00e9sormais embl\u00e9matique de ce yacht.<\/p>\n<p>Les images sont celles d&rsquo;un yacht comparable (yacht jumeau).<\/p>\n<h3>Ce Ferretti 670 Flybridge est situ\u00e9 \u00e0 Fort Lauderdale, veuillez nous contacter au 514-521-1221 pour tous les d\u00e9tails concernant ce Ferretti Yachts 670 Flybridge, notre bureau est situ\u00e9 en banlieue de Montr\u00e9al.<\/h3>\n<p><a href=\"https:\/\/itayachtscanada.com\/fr\/virtuals_visits\/ferretti-670-flybridge\/\">Cliquez ici<\/a> pour une visite virtuelle du Ferretti 670 Fly.<\/p>\n<p>Dimensions<\/p>\n<p>Longueur hors tout : 67 pi<br \/>\nLargeur : 17 pi 8 po<br \/>\nTirant d&rsquo;eau max : 5 pi 5 po<br \/>\nPoids<br \/>\nPoids \u00e0 sec : 87083 lb<br \/>\nVitesse<br \/>\nVitesse de croisi\u00e8re : 28 kn \u00e0 tr\/min<br \/>\nVitesse de la coque : 32 kn \u00e0 tr\/min<br \/>\nPlaces assises<br \/>\nPassagers maximum : 18<br \/>\nR\u00e9servoirs<br \/>\nCarburant : (1004 gal)<br \/>\nEau douce : (264 gal)<br \/>\nLogement<br \/>\nCabines invit\u00e9s : 3<br \/>\nSalles de bain invit\u00e9s : 3<br \/>\nAutre<br \/>\nPavillon d&rsquo;immatriculation : \u00c9tats-Unis<\/p>\n<p>MOTEURS (heures=350) :<\/p>\n<p>MAN V8 (moteur 1)<br \/>\nType de moteur : Inboard<br \/>\nType de carburant : Diesel<br \/>\nPuissance : 1200 hp<\/p>\n<p>MAN V8 (Engine 2)<br \/>\nType de moteur : Inboard<br \/>\nType de carburant : Diesel<br \/>\nPuissance : 1200 hp<\/p>\n<div>\n<div class=\"tiled-gallery type-rectangular tiled-gallery-unresized\" data-original-width=\"700\" data-carousel-extra='{&quot;blog_id&quot;:1,&quot;permalink&quot;:&quot;https:\\\/\\\/itayachtscanada.com\\\/fr\\\/listing\\\/ferretti-670-2022-2950000-usd-a-vendre\\\/&quot;,&quot;likes_blog_id&quot;:198557287}' itemscope itemtype=\"http:\/\/schema.org\/ImageGallery\" > <div class=\"gallery-row\" style=\"width: 700px; height: 312px;\" data-original-width=\"700\" data-original-height=\"312\" > <div class=\"gallery-group images-1\" style=\"width: 467px; height: 312px;\" data-original-width=\"467\" data-original-height=\"312\" > <div class=\"tiled-gallery-item tiled-gallery-item-large\" itemprop=\"associatedMedia\" itemscope itemtype=\"http:\/\/schema.org\/ImageObject\"> <a href=\"https:\/\/itayachtscanada.com\/fr\/listing\/ferretti-670-2022-2950000-usd-a-vendre\/capture-decran-le-2025-04-16-a-11-22-36\/\" border=\"0\" itemprop=\"url\"> <meta itemprop=\"width\" content=\"463\"> <meta itemprop=\"height\" content=\"308\"> <img decoding=\"async\" class=\"\" data-attachment-id=\"218437\" data-orig-file=\"https:\/\/itayachtscanada.com\/wp-content\/uploads\/2025\/04\/Capture-decran-le-2025-04-16-a-11.22.36.jpg\" data-orig-size=\"1528,1016\" data-comments-opened=\"1\" data-image-meta=\"{&quot;aperture&quot;:&quot;0&quot;,&quot;credit&quot;:&quot;&quot;,&quot;camera&quot;:&quot;&quot;,&quot;caption&quot;:&quot;&quot;,&quot;created_timestamp&quot;:&quot;0&quot;,&quot;copyright&quot;:&quot;&quot;,&quot;focal_length&quot;:&quot;0&quot;,&quot;iso&quot;:&quot;0&quot;,&quot;shutter_speed&quot;:&quot;0&quot;,&quot;title&quot;:&quot;&quot;,&quot;orientation&quot;:&quot;0&quot;}\" data-image-title=\"Capture d\u2019e\u0301cran, le 2025-04-16 a\u0300 11.22.36\" data-image-description=\"\" data-medium-file=\"https:\/\/i0.wp.com\/itayachtscanada.com\/wp-content\/uploads\/2025\/04\/Capture-decran-le-2025-04-16-a-11.22.36.jpg?fit=300%2C199&#038;ssl=1\" data-large-file=\"https:\/\/i0.wp.com\/itayachtscanada.com\/wp-content\/uploads\/2025\/04\/Capture-decran-le-2025-04-16-a-11.22.36.jpg?fit=700%2C466&#038;ssl=1\" src=\"https:\/\/i0.wp.com\/itayachtscanada.com\/wp-content\/uploads\/2025\/04\/Capture-decran-le-2025-04-16-a-11.22.36.jpg?w=463&#038;h=308&#038;ssl=1\" srcset=\"https:\/\/i0.wp.com\/itayachtscanada.com\/wp-content\/uploads\/2025\/04\/Capture-decran-le-2025-04-16-a-11.22.36.jpg?w=1528&amp;ssl=1 1528w, https:\/\/i0.wp.com\/itayachtscanada.com\/wp-content\/uploads\/2025\/04\/Capture-decran-le-2025-04-16-a-11.22.36.jpg?resize=300%2C199&amp;ssl=1 300w, https:\/\/i0.wp.com\/itayachtscanada.com\/wp-content\/uploads\/2025\/04\/Capture-decran-le-2025-04-16-a-11.22.36.jpg?resize=1024%2C681&amp;ssl=1 1024w, https:\/\/i0.wp.com\/itayachtscanada.com\/wp-content\/uploads\/2025\/04\/Capture-decran-le-2025-04-16-a-11.22.36.jpg?resize=768%2C511&amp;ssl=1 768w, https:\/\/i0.wp.com\/itayachtscanada.com\/wp-content\/uploads\/2025\/04\/Capture-decran-le-2025-04-16-a-11.22.36.jpg?resize=700%2C465&amp;ssl=1 700w, https:\/\/i0.wp.com\/itayachtscanada.com\/wp-content\/uploads\/2025\/04\/Capture-decran-le-2025-04-16-a-11.22.36.jpg?resize=900%2C600&amp;ssl=1 900w, https:\/\/i0.wp.com\/itayachtscanada.com\/wp-content\/uploads\/2025\/04\/Capture-decran-le-2025-04-16-a-11.22.36.jpg?resize=602%2C400&amp;ssl=1 602w, https:\/\/i0.wp.com\/itayachtscanada.com\/wp-content\/uploads\/2025\/04\/Capture-decran-le-2025-04-16-a-11.22.36.jpg?w=1400&amp;ssl=1 1400w\" width=\"463\" height=\"308\" loading=\"lazy\" data-original-width=\"463\" data-original-height=\"308\" itemprop=\"http:\/\/schema.org\/image\" title=\"Capture d\u2019e\u0301cran, le 2025-04-16 a\u0300 11.22.36\" alt=\"Ferretti 670 Fly 2022\" style=\"width: 463px; height: 308px;\" \/> <\/a> <div class=\"tiled-gallery-caption\" itemprop=\"caption description\"> Ferretti 670 Fly 2022 <\/div> <\/div> <\/div> <!-- close group --> <div class=\"gallery-group images-2\" style=\"width: 233px; height: 312px;\" data-original-width=\"233\" data-original-height=\"312\" > <div class=\"tiled-gallery-item tiled-gallery-item-small\" itemprop=\"associatedMedia\" itemscope itemtype=\"http:\/\/schema.org\/ImageObject\"> <a href=\"https:\/\/itayachtscanada.com\/fr\/listing\/ferretti-670-2022-2950000-usd-a-vendre\/capture-decran-le-2025-04-16-a-11-22-24\/\" border=\"0\" itemprop=\"url\"> <meta itemprop=\"width\" content=\"229\"> <meta itemprop=\"height\" content=\"152\"> <img decoding=\"async\" class=\"\" data-attachment-id=\"218440\" data-orig-file=\"https:\/\/itayachtscanada.com\/wp-content\/uploads\/2025\/04\/Capture-decran-le-2025-04-16-a-11.22.24.jpg\" data-orig-size=\"1528,1016\" data-comments-opened=\"1\" data-image-meta=\"{&quot;aperture&quot;:&quot;0&quot;,&quot;credit&quot;:&quot;&quot;,&quot;camera&quot;:&quot;&quot;,&quot;caption&quot;:&quot;&quot;,&quot;created_timestamp&quot;:&quot;0&quot;,&quot;copyright&quot;:&quot;&quot;,&quot;focal_length&quot;:&quot;0&quot;,&quot;iso&quot;:&quot;0&quot;,&quot;shutter_speed&quot;:&quot;0&quot;,&quot;title&quot;:&quot;&quot;,&quot;orientation&quot;:&quot;0&quot;}\" data-image-title=\"Capture d\u2019e\u0301cran, le 2025-04-16 a\u0300 11.22.24\" data-image-description=\"\" data-medium-file=\"https:\/\/i0.wp.com\/itayachtscanada.com\/wp-content\/uploads\/2025\/04\/Capture-decran-le-2025-04-16-a-11.22.24.jpg?fit=300%2C199&#038;ssl=1\" data-large-file=\"https:\/\/i0.wp.com\/itayachtscanada.com\/wp-content\/uploads\/2025\/04\/Capture-decran-le-2025-04-16-a-11.22.24.jpg?fit=700%2C466&#038;ssl=1\" src=\"https:\/\/i0.wp.com\/itayachtscanada.com\/wp-content\/uploads\/2025\/04\/Capture-decran-le-2025-04-16-a-11.22.24.jpg?w=229&#038;h=152&#038;ssl=1\" srcset=\"https:\/\/i0.wp.com\/itayachtscanada.com\/wp-content\/uploads\/2025\/04\/Capture-decran-le-2025-04-16-a-11.22.24.jpg?w=1528&amp;ssl=1 1528w, https:\/\/i0.wp.com\/itayachtscanada.com\/wp-content\/uploads\/2025\/04\/Capture-decran-le-2025-04-16-a-11.22.24.jpg?resize=300%2C199&amp;ssl=1 300w, https:\/\/i0.wp.com\/itayachtscanada.com\/wp-content\/uploads\/2025\/04\/Capture-decran-le-2025-04-16-a-11.22.24.jpg?resize=1024%2C681&amp;ssl=1 1024w, https:\/\/i0.wp.com\/itayachtscanada.com\/wp-content\/uploads\/2025\/04\/Capture-decran-le-2025-04-16-a-11.22.24.jpg?resize=768%2C511&amp;ssl=1 768w, https:\/\/i0.wp.com\/itayachtscanada.com\/wp-content\/uploads\/2025\/04\/Capture-decran-le-2025-04-16-a-11.22.24.jpg?resize=700%2C465&amp;ssl=1 700w, https:\/\/i0.wp.com\/itayachtscanada.com\/wp-content\/uploads\/2025\/04\/Capture-decran-le-2025-04-16-a-11.22.24.jpg?resize=900%2C600&amp;ssl=1 900w, https:\/\/i0.wp.com\/itayachtscanada.com\/wp-content\/uploads\/2025\/04\/Capture-decran-le-2025-04-16-a-11.22.24.jpg?resize=602%2C400&amp;ssl=1 602w, https:\/\/i0.wp.com\/itayachtscanada.com\/wp-content\/uploads\/2025\/04\/Capture-decran-le-2025-04-16-a-11.22.24.jpg?w=1400&amp;ssl=1 1400w\" width=\"229\" height=\"152\" loading=\"lazy\" data-original-width=\"229\" data-original-height=\"152\" itemprop=\"http:\/\/schema.org\/image\" title=\"Capture d\u2019e\u0301cran, le 2025-04-16 a\u0300 11.22.24\" alt=\"Capture d\u2019e\u0301cran, le 2025-04-16 a\u0300 11.22.24\" style=\"width: 229px; height: 152px;\" \/> <\/a> <\/div> <div class=\"tiled-gallery-item tiled-gallery-item-small\" itemprop=\"associatedMedia\" itemscope itemtype=\"http:\/\/schema.org\/ImageObject\"> <a href=\"https:\/\/itayachtscanada.com\/fr\/listing\/ferretti-670-2022-2950000-usd-a-vendre\/capture-decran-le-2025-04-16-a-11-22-20\/\" border=\"0\" itemprop=\"url\"> <meta itemprop=\"width\" content=\"229\"> <meta itemprop=\"height\" content=\"152\"> <img decoding=\"async\" class=\"\" data-attachment-id=\"218441\" data-orig-file=\"https:\/\/itayachtscanada.com\/wp-content\/uploads\/2025\/04\/Capture-decran-le-2025-04-16-a-11.22.20.jpg\" data-orig-size=\"1528,1016\" data-comments-opened=\"1\" data-image-meta=\"{&quot;aperture&quot;:&quot;0&quot;,&quot;credit&quot;:&quot;&quot;,&quot;camera&quot;:&quot;&quot;,&quot;caption&quot;:&quot;&quot;,&quot;created_timestamp&quot;:&quot;0&quot;,&quot;copyright&quot;:&quot;&quot;,&quot;focal_length&quot;:&quot;0&quot;,&quot;iso&quot;:&quot;0&quot;,&quot;shutter_speed&quot;:&quot;0&quot;,&quot;title&quot;:&quot;&quot;,&quot;orientation&quot;:&quot;0&quot;}\" data-image-title=\"Capture d\u2019e\u0301cran, le 2025-04-16 a\u0300 11.22.20\" data-image-description=\"\" data-medium-file=\"https:\/\/i0.wp.com\/itayachtscanada.com\/wp-content\/uploads\/2025\/04\/Capture-decran-le-2025-04-16-a-11.22.20.jpg?fit=300%2C199&#038;ssl=1\" data-large-file=\"https:\/\/i0.wp.com\/itayachtscanada.com\/wp-content\/uploads\/2025\/04\/Capture-decran-le-2025-04-16-a-11.22.20.jpg?fit=700%2C466&#038;ssl=1\" src=\"https:\/\/i0.wp.com\/itayachtscanada.com\/wp-content\/uploads\/2025\/04\/Capture-decran-le-2025-04-16-a-11.22.20.jpg?w=229&#038;h=152&#038;ssl=1\" srcset=\"https:\/\/i0.wp.com\/itayachtscanada.com\/wp-content\/uploads\/2025\/04\/Capture-decran-le-2025-04-16-a-11.22.20.jpg?w=1528&amp;ssl=1 1528w, https:\/\/i0.wp.com\/itayachtscanada.com\/wp-content\/uploads\/2025\/04\/Capture-decran-le-2025-04-16-a-11.22.20.jpg?resize=300%2C199&amp;ssl=1 300w, https:\/\/i0.wp.com\/itayachtscanada.com\/wp-content\/uploads\/2025\/04\/Capture-decran-le-2025-04-16-a-11.22.20.jpg?resize=1024%2C681&amp;ssl=1 1024w, https:\/\/i0.wp.com\/itayachtscanada.com\/wp-content\/uploads\/2025\/04\/Capture-decran-le-2025-04-16-a-11.22.20.jpg?resize=768%2C511&amp;ssl=1 768w, https:\/\/i0.wp.com\/itayachtscanada.com\/wp-content\/uploads\/2025\/04\/Capture-decran-le-2025-04-16-a-11.22.20.jpg?resize=700%2C465&amp;ssl=1 700w, https:\/\/i0.wp.com\/itayachtscanada.com\/wp-content\/uploads\/2025\/04\/Capture-decran-le-2025-04-16-a-11.22.20.jpg?resize=900%2C600&amp;ssl=1 900w, https:\/\/i0.wp.com\/itayachtscanada.com\/wp-content\/uploads\/2025\/04\/Capture-decran-le-2025-04-16-a-11.22.20.jpg?resize=602%2C400&amp;ssl=1 602w, https:\/\/i0.wp.com\/itayachtscanada.com\/wp-content\/uploads\/2025\/04\/Capture-decran-le-2025-04-16-a-11.22.20.jpg?w=1400&amp;ssl=1 1400w\" width=\"229\" height=\"152\" loading=\"lazy\" data-original-width=\"229\" data-original-height=\"152\" itemprop=\"http:\/\/schema.org\/image\" title=\"Capture d\u2019e\u0301cran, le 2025-04-16 a\u0300 11.22.20\" alt=\"Capture d\u2019e\u0301cran, le 2025-04-16 a\u0300 11.22.20\" style=\"width: 229px; height: 152px;\" \/> <\/a> <\/div> <\/div> <!-- close group --> <\/div> <!-- close row --> <div class=\"gallery-row\" style=\"width: 700px; height: 307px;\" data-original-width=\"700\" data-original-height=\"307\" > <div class=\"gallery-group images-2\" style=\"width: 237px; height: 307px;\" data-original-width=\"237\" data-original-height=\"307\" > <div class=\"tiled-gallery-item tiled-gallery-item-small\" itemprop=\"associatedMedia\" itemscope itemtype=\"http:\/\/schema.org\/ImageObject\"> <a href=\"https:\/\/itayachtscanada.com\/fr\/listing\/ferretti-670-2022-2950000-usd-a-vendre\/capture-decran-le-2025-04-16-a-11-22-28\/\" border=\"0\" itemprop=\"url\"> <meta itemprop=\"width\" content=\"233\"> <meta itemprop=\"height\" content=\"155\"> <img decoding=\"async\" class=\"\" data-attachment-id=\"218439\" data-orig-file=\"https:\/\/itayachtscanada.com\/wp-content\/uploads\/2025\/04\/Capture-decran-le-2025-04-16-a-11.22.28.jpg\" data-orig-size=\"1528,1016\" data-comments-opened=\"1\" data-image-meta=\"{&quot;aperture&quot;:&quot;0&quot;,&quot;credit&quot;:&quot;&quot;,&quot;camera&quot;:&quot;&quot;,&quot;caption&quot;:&quot;&quot;,&quot;created_timestamp&quot;:&quot;0&quot;,&quot;copyright&quot;:&quot;&quot;,&quot;focal_length&quot;:&quot;0&quot;,&quot;iso&quot;:&quot;0&quot;,&quot;shutter_speed&quot;:&quot;0&quot;,&quot;title&quot;:&quot;&quot;,&quot;orientation&quot;:&quot;0&quot;}\" data-image-title=\"Capture d\u2019e\u0301cran, le 2025-04-16 a\u0300 11.22.28\" data-image-description=\"\" data-medium-file=\"https:\/\/i0.wp.com\/itayachtscanada.com\/wp-content\/uploads\/2025\/04\/Capture-decran-le-2025-04-16-a-11.22.28.jpg?fit=300%2C199&#038;ssl=1\" data-large-file=\"https:\/\/i0.wp.com\/itayachtscanada.com\/wp-content\/uploads\/2025\/04\/Capture-decran-le-2025-04-16-a-11.22.28.jpg?fit=700%2C466&#038;ssl=1\" src=\"https:\/\/i0.wp.com\/itayachtscanada.com\/wp-content\/uploads\/2025\/04\/Capture-decran-le-2025-04-16-a-11.22.28.jpg?w=233&#038;h=155&#038;ssl=1\" srcset=\"https:\/\/i0.wp.com\/itayachtscanada.com\/wp-content\/uploads\/2025\/04\/Capture-decran-le-2025-04-16-a-11.22.28.jpg?w=1528&amp;ssl=1 1528w, https:\/\/i0.wp.com\/itayachtscanada.com\/wp-content\/uploads\/2025\/04\/Capture-decran-le-2025-04-16-a-11.22.28.jpg?resize=300%2C199&amp;ssl=1 300w, https:\/\/i0.wp.com\/itayachtscanada.com\/wp-content\/uploads\/2025\/04\/Capture-decran-le-2025-04-16-a-11.22.28.jpg?resize=1024%2C681&amp;ssl=1 1024w, https:\/\/i0.wp.com\/itayachtscanada.com\/wp-content\/uploads\/2025\/04\/Capture-decran-le-2025-04-16-a-11.22.28.jpg?resize=768%2C511&amp;ssl=1 768w, https:\/\/i0.wp.com\/itayachtscanada.com\/wp-content\/uploads\/2025\/04\/Capture-decran-le-2025-04-16-a-11.22.28.jpg?resize=700%2C465&amp;ssl=1 700w, https:\/\/i0.wp.com\/itayachtscanada.com\/wp-content\/uploads\/2025\/04\/Capture-decran-le-2025-04-16-a-11.22.28.jpg?resize=900%2C600&amp;ssl=1 900w, https:\/\/i0.wp.com\/itayachtscanada.com\/wp-content\/uploads\/2025\/04\/Capture-decran-le-2025-04-16-a-11.22.28.jpg?resize=602%2C400&amp;ssl=1 602w, https:\/\/i0.wp.com\/itayachtscanada.com\/wp-content\/uploads\/2025\/04\/Capture-decran-le-2025-04-16-a-11.22.28.jpg?w=1400&amp;ssl=1 1400w\" width=\"233\" height=\"155\" loading=\"lazy\" data-original-width=\"233\" data-original-height=\"155\" itemprop=\"http:\/\/schema.org\/image\" title=\"Capture d\u2019e\u0301cran, le 2025-04-16 a\u0300 11.22.28\" alt=\"Capture d\u2019e\u0301cran, le 2025-04-16 a\u0300 11.22.28\" style=\"width: 233px; height: 155px;\" \/> <\/a> <\/div> <div class=\"tiled-gallery-item tiled-gallery-item-small\" itemprop=\"associatedMedia\" itemscope itemtype=\"http:\/\/schema.org\/ImageObject\"> <a href=\"https:\/\/itayachtscanada.com\/fr\/listing\/ferretti-670-2022-2950000-usd-a-vendre\/capture-decran-le-2025-04-16-a-11-21-09\/\" border=\"0\" itemprop=\"url\"> <meta itemprop=\"width\" content=\"233\"> <meta itemprop=\"height\" content=\"144\"> <img decoding=\"async\" class=\"\" data-attachment-id=\"218453\" data-orig-file=\"https:\/\/itayachtscanada.com\/wp-content\/uploads\/2025\/04\/Capture-decran-le-2025-04-16-a-11.21.09.jpg\" data-orig-size=\"1650,1016\" data-comments-opened=\"1\" data-image-meta=\"{&quot;aperture&quot;:&quot;0&quot;,&quot;credit&quot;:&quot;&quot;,&quot;camera&quot;:&quot;&quot;,&quot;caption&quot;:&quot;&quot;,&quot;created_timestamp&quot;:&quot;0&quot;,&quot;copyright&quot;:&quot;&quot;,&quot;focal_length&quot;:&quot;0&quot;,&quot;iso&quot;:&quot;0&quot;,&quot;shutter_speed&quot;:&quot;0&quot;,&quot;title&quot;:&quot;&quot;,&quot;orientation&quot;:&quot;0&quot;}\" data-image-title=\"Capture d\u2019e\u0301cran, le 2025-04-16 a\u0300 11.21.09\" data-image-description=\"\" data-medium-file=\"https:\/\/i0.wp.com\/itayachtscanada.com\/wp-content\/uploads\/2025\/04\/Capture-decran-le-2025-04-16-a-11.21.09.jpg?fit=300%2C185&#038;ssl=1\" data-large-file=\"https:\/\/i0.wp.com\/itayachtscanada.com\/wp-content\/uploads\/2025\/04\/Capture-decran-le-2025-04-16-a-11.21.09.jpg?fit=700%2C431&#038;ssl=1\" src=\"https:\/\/i0.wp.com\/itayachtscanada.com\/wp-content\/uploads\/2025\/04\/Capture-decran-le-2025-04-16-a-11.21.09.jpg?w=233&#038;h=144&#038;ssl=1\" srcset=\"https:\/\/i0.wp.com\/itayachtscanada.com\/wp-content\/uploads\/2025\/04\/Capture-decran-le-2025-04-16-a-11.21.09.jpg?w=1650&amp;ssl=1 1650w, https:\/\/i0.wp.com\/itayachtscanada.com\/wp-content\/uploads\/2025\/04\/Capture-decran-le-2025-04-16-a-11.21.09.jpg?resize=300%2C185&amp;ssl=1 300w, https:\/\/i0.wp.com\/itayachtscanada.com\/wp-content\/uploads\/2025\/04\/Capture-decran-le-2025-04-16-a-11.21.09.jpg?resize=1024%2C631&amp;ssl=1 1024w, https:\/\/i0.wp.com\/itayachtscanada.com\/wp-content\/uploads\/2025\/04\/Capture-decran-le-2025-04-16-a-11.21.09.jpg?resize=768%2C473&amp;ssl=1 768w, https:\/\/i0.wp.com\/itayachtscanada.com\/wp-content\/uploads\/2025\/04\/Capture-decran-le-2025-04-16-a-11.21.09.jpg?resize=1536%2C946&amp;ssl=1 1536w, https:\/\/i0.wp.com\/itayachtscanada.com\/wp-content\/uploads\/2025\/04\/Capture-decran-le-2025-04-16-a-11.21.09.jpg?resize=700%2C431&amp;ssl=1 700w, https:\/\/i0.wp.com\/itayachtscanada.com\/wp-content\/uploads\/2025\/04\/Capture-decran-le-2025-04-16-a-11.21.09.jpg?resize=650%2C400&amp;ssl=1 650w, https:\/\/i0.wp.com\/itayachtscanada.com\/wp-content\/uploads\/2025\/04\/Capture-decran-le-2025-04-16-a-11.21.09.jpg?w=1400&amp;ssl=1 1400w\" width=\"233\" height=\"144\" loading=\"lazy\" data-original-width=\"233\" data-original-height=\"144\" itemprop=\"http:\/\/schema.org\/image\" title=\"Capture d\u2019e\u0301cran, le 2025-04-16 a\u0300 11.21.09\" alt=\"Capture d\u2019e\u0301cran, le 2025-04-16 a\u0300 11.21.09\" style=\"width: 233px; height: 144px;\" \/> <\/a> <\/div> <\/div> <!-- close group --> <div class=\"gallery-group images-1\" style=\"width: 463px; height: 307px;\" data-original-width=\"463\" data-original-height=\"307\" > <div class=\"tiled-gallery-item tiled-gallery-item-large\" itemprop=\"associatedMedia\" itemscope itemtype=\"http:\/\/schema.org\/ImageObject\"> <a href=\"https:\/\/itayachtscanada.com\/fr\/listing\/ferretti-670-2022-2950000-usd-a-vendre\/capture-decran-le-2025-04-16-a-11-21-05\/\" border=\"0\" itemprop=\"url\"> <meta itemprop=\"width\" content=\"459\"> <meta itemprop=\"height\" content=\"303\"> <img decoding=\"async\" class=\"\" data-attachment-id=\"218454\" data-orig-file=\"https:\/\/itayachtscanada.com\/wp-content\/uploads\/2025\/04\/Capture-decran-le-2025-04-16-a-11.21.05.jpg\" data-orig-size=\"1538,1016\" data-comments-opened=\"1\" data-image-meta=\"{&quot;aperture&quot;:&quot;0&quot;,&quot;credit&quot;:&quot;&quot;,&quot;camera&quot;:&quot;&quot;,&quot;caption&quot;:&quot;&quot;,&quot;created_timestamp&quot;:&quot;0&quot;,&quot;copyright&quot;:&quot;&quot;,&quot;focal_length&quot;:&quot;0&quot;,&quot;iso&quot;:&quot;0&quot;,&quot;shutter_speed&quot;:&quot;0&quot;,&quot;title&quot;:&quot;&quot;,&quot;orientation&quot;:&quot;0&quot;}\" data-image-title=\"Capture d\u2019e\u0301cran, le 2025-04-16 a\u0300 11.21.05\" data-image-description=\"\" data-medium-file=\"https:\/\/i0.wp.com\/itayachtscanada.com\/wp-content\/uploads\/2025\/04\/Capture-decran-le-2025-04-16-a-11.21.05.jpg?fit=300%2C198&#038;ssl=1\" data-large-file=\"https:\/\/i0.wp.com\/itayachtscanada.com\/wp-content\/uploads\/2025\/04\/Capture-decran-le-2025-04-16-a-11.21.05.jpg?fit=700%2C462&#038;ssl=1\" src=\"https:\/\/i0.wp.com\/itayachtscanada.com\/wp-content\/uploads\/2025\/04\/Capture-decran-le-2025-04-16-a-11.21.05.jpg?w=459&#038;h=303&#038;ssl=1\" srcset=\"https:\/\/i0.wp.com\/itayachtscanada.com\/wp-content\/uploads\/2025\/04\/Capture-decran-le-2025-04-16-a-11.21.05.jpg?w=1538&amp;ssl=1 1538w, https:\/\/i0.wp.com\/itayachtscanada.com\/wp-content\/uploads\/2025\/04\/Capture-decran-le-2025-04-16-a-11.21.05.jpg?resize=300%2C198&amp;ssl=1 300w, https:\/\/i0.wp.com\/itayachtscanada.com\/wp-content\/uploads\/2025\/04\/Capture-decran-le-2025-04-16-a-11.21.05.jpg?resize=1024%2C676&amp;ssl=1 1024w, https:\/\/i0.wp.com\/itayachtscanada.com\/wp-content\/uploads\/2025\/04\/Capture-decran-le-2025-04-16-a-11.21.05.jpg?resize=768%2C507&amp;ssl=1 768w, https:\/\/i0.wp.com\/itayachtscanada.com\/wp-content\/uploads\/2025\/04\/Capture-decran-le-2025-04-16-a-11.21.05.jpg?resize=1536%2C1015&amp;ssl=1 1536w, https:\/\/i0.wp.com\/itayachtscanada.com\/wp-content\/uploads\/2025\/04\/Capture-decran-le-2025-04-16-a-11.21.05.jpg?resize=700%2C462&amp;ssl=1 700w, https:\/\/i0.wp.com\/itayachtscanada.com\/wp-content\/uploads\/2025\/04\/Capture-decran-le-2025-04-16-a-11.21.05.jpg?resize=606%2C400&amp;ssl=1 606w, https:\/\/i0.wp.com\/itayachtscanada.com\/wp-content\/uploads\/2025\/04\/Capture-decran-le-2025-04-16-a-11.21.05.jpg?w=1400&amp;ssl=1 1400w\" width=\"459\" height=\"303\" loading=\"lazy\" data-original-width=\"459\" data-original-height=\"303\" itemprop=\"http:\/\/schema.org\/image\" title=\"Capture d\u2019e\u0301cran, le 2025-04-16 a\u0300 11.21.05\" alt=\"Capture d\u2019e\u0301cran, le 2025-04-16 a\u0300 11.21.05\" style=\"width: 459px; height: 303px;\" \/> <\/a> <\/div> <\/div> <!-- close group --> <\/div> <!-- close row --> <div class=\"gallery-row\" style=\"width: 700px; height: 235px;\" data-original-width=\"700\" data-original-height=\"235\" > <div class=\"gallery-group images-1\" style=\"width: 349px; height: 235px;\" data-original-width=\"349\" data-original-height=\"235\" > <div class=\"tiled-gallery-item tiled-gallery-item-large\" itemprop=\"associatedMedia\" itemscope itemtype=\"http:\/\/schema.org\/ImageObject\"> <a href=\"https:\/\/itayachtscanada.com\/fr\/listing\/ferretti-670-2022-2950000-usd-a-vendre\/capture-decran-le-2025-04-16-a-11-21-18\/\" border=\"0\" itemprop=\"url\"> <meta itemprop=\"width\" content=\"345\"> <meta itemprop=\"height\" content=\"231\"> <img decoding=\"async\" class=\"\" data-attachment-id=\"218452\" data-orig-file=\"https:\/\/itayachtscanada.com\/wp-content\/uploads\/2025\/04\/Capture-decran-le-2025-04-16-a-11.21.18.jpg\" data-orig-size=\"1522,1016\" data-comments-opened=\"1\" data-image-meta=\"{&quot;aperture&quot;:&quot;0&quot;,&quot;credit&quot;:&quot;&quot;,&quot;camera&quot;:&quot;&quot;,&quot;caption&quot;:&quot;&quot;,&quot;created_timestamp&quot;:&quot;0&quot;,&quot;copyright&quot;:&quot;&quot;,&quot;focal_length&quot;:&quot;0&quot;,&quot;iso&quot;:&quot;0&quot;,&quot;shutter_speed&quot;:&quot;0&quot;,&quot;title&quot;:&quot;&quot;,&quot;orientation&quot;:&quot;0&quot;}\" data-image-title=\"Capture d\u2019e\u0301cran, le 2025-04-16 a\u0300 11.21.18\" data-image-description=\"\" data-medium-file=\"https:\/\/i0.wp.com\/itayachtscanada.com\/wp-content\/uploads\/2025\/04\/Capture-decran-le-2025-04-16-a-11.21.18.jpg?fit=300%2C200&#038;ssl=1\" data-large-file=\"https:\/\/i0.wp.com\/itayachtscanada.com\/wp-content\/uploads\/2025\/04\/Capture-decran-le-2025-04-16-a-11.21.18.jpg?fit=700%2C468&#038;ssl=1\" src=\"https:\/\/i0.wp.com\/itayachtscanada.com\/wp-content\/uploads\/2025\/04\/Capture-decran-le-2025-04-16-a-11.21.18.jpg?w=345&#038;h=231&#038;ssl=1\" srcset=\"https:\/\/i0.wp.com\/itayachtscanada.com\/wp-content\/uploads\/2025\/04\/Capture-decran-le-2025-04-16-a-11.21.18.jpg?w=1522&amp;ssl=1 1522w, https:\/\/i0.wp.com\/itayachtscanada.com\/wp-content\/uploads\/2025\/04\/Capture-decran-le-2025-04-16-a-11.21.18.jpg?resize=300%2C200&amp;ssl=1 300w, https:\/\/i0.wp.com\/itayachtscanada.com\/wp-content\/uploads\/2025\/04\/Capture-decran-le-2025-04-16-a-11.21.18.jpg?resize=1024%2C684&amp;ssl=1 1024w, https:\/\/i0.wp.com\/itayachtscanada.com\/wp-content\/uploads\/2025\/04\/Capture-decran-le-2025-04-16-a-11.21.18.jpg?resize=768%2C513&amp;ssl=1 768w, https:\/\/i0.wp.com\/itayachtscanada.com\/wp-content\/uploads\/2025\/04\/Capture-decran-le-2025-04-16-a-11.21.18.jpg?resize=700%2C467&amp;ssl=1 700w, https:\/\/i0.wp.com\/itayachtscanada.com\/wp-content\/uploads\/2025\/04\/Capture-decran-le-2025-04-16-a-11.21.18.jpg?resize=900%2C600&amp;ssl=1 900w, https:\/\/i0.wp.com\/itayachtscanada.com\/wp-content\/uploads\/2025\/04\/Capture-decran-le-2025-04-16-a-11.21.18.jpg?resize=599%2C400&amp;ssl=1 599w, https:\/\/i0.wp.com\/itayachtscanada.com\/wp-content\/uploads\/2025\/04\/Capture-decran-le-2025-04-16-a-11.21.18.jpg?w=1400&amp;ssl=1 1400w\" width=\"345\" height=\"231\" loading=\"lazy\" data-original-width=\"345\" data-original-height=\"231\" itemprop=\"http:\/\/schema.org\/image\" title=\"Capture d\u2019e\u0301cran, le 2025-04-16 a\u0300 11.21.18\" alt=\"Capture d\u2019e\u0301cran, le 2025-04-16 a\u0300 11.21.18\" style=\"width: 345px; height: 231px;\" \/> <\/a> <\/div> <\/div> <!-- close group --> <div class=\"gallery-group images-1\" style=\"width: 351px; height: 235px;\" data-original-width=\"351\" data-original-height=\"235\" > <div class=\"tiled-gallery-item tiled-gallery-item-large\" itemprop=\"associatedMedia\" itemscope itemtype=\"http:\/\/schema.org\/ImageObject\"> <a href=\"https:\/\/itayachtscanada.com\/fr\/listing\/ferretti-670-2022-2950000-usd-a-vendre\/capture-decran-le-2025-04-16-a-11-22-09\/\" border=\"0\" itemprop=\"url\"> <meta itemprop=\"width\" content=\"347\"> <meta itemprop=\"height\" content=\"231\"> <img decoding=\"async\" class=\"\" data-attachment-id=\"218442\" data-orig-file=\"https:\/\/itayachtscanada.com\/wp-content\/uploads\/2025\/04\/Capture-decran-le-2025-04-16-a-11.22.09.jpg\" data-orig-size=\"1528,1016\" data-comments-opened=\"1\" data-image-meta=\"{&quot;aperture&quot;:&quot;0&quot;,&quot;credit&quot;:&quot;&quot;,&quot;camera&quot;:&quot;&quot;,&quot;caption&quot;:&quot;&quot;,&quot;created_timestamp&quot;:&quot;0&quot;,&quot;copyright&quot;:&quot;&quot;,&quot;focal_length&quot;:&quot;0&quot;,&quot;iso&quot;:&quot;0&quot;,&quot;shutter_speed&quot;:&quot;0&quot;,&quot;title&quot;:&quot;&quot;,&quot;orientation&quot;:&quot;0&quot;}\" data-image-title=\"Capture d\u2019e\u0301cran, le 2025-04-16 a\u0300 11.22.09\" data-image-description=\"\" data-medium-file=\"https:\/\/i0.wp.com\/itayachtscanada.com\/wp-content\/uploads\/2025\/04\/Capture-decran-le-2025-04-16-a-11.22.09.jpg?fit=300%2C199&#038;ssl=1\" data-large-file=\"https:\/\/i0.wp.com\/itayachtscanada.com\/wp-content\/uploads\/2025\/04\/Capture-decran-le-2025-04-16-a-11.22.09.jpg?fit=700%2C466&#038;ssl=1\" src=\"https:\/\/i0.wp.com\/itayachtscanada.com\/wp-content\/uploads\/2025\/04\/Capture-decran-le-2025-04-16-a-11.22.09.jpg?w=347&#038;h=231&#038;ssl=1\" srcset=\"https:\/\/i0.wp.com\/itayachtscanada.com\/wp-content\/uploads\/2025\/04\/Capture-decran-le-2025-04-16-a-11.22.09.jpg?w=1528&amp;ssl=1 1528w, https:\/\/i0.wp.com\/itayachtscanada.com\/wp-content\/uploads\/2025\/04\/Capture-decran-le-2025-04-16-a-11.22.09.jpg?resize=300%2C199&amp;ssl=1 300w, https:\/\/i0.wp.com\/itayachtscanada.com\/wp-content\/uploads\/2025\/04\/Capture-decran-le-2025-04-16-a-11.22.09.jpg?resize=1024%2C681&amp;ssl=1 1024w, https:\/\/i0.wp.com\/itayachtscanada.com\/wp-content\/uploads\/2025\/04\/Capture-decran-le-2025-04-16-a-11.22.09.jpg?resize=768%2C511&amp;ssl=1 768w, https:\/\/i0.wp.com\/itayachtscanada.com\/wp-content\/uploads\/2025\/04\/Capture-decran-le-2025-04-16-a-11.22.09.jpg?resize=700%2C465&amp;ssl=1 700w, https:\/\/i0.wp.com\/itayachtscanada.com\/wp-content\/uploads\/2025\/04\/Capture-decran-le-2025-04-16-a-11.22.09.jpg?resize=900%2C600&amp;ssl=1 900w, https:\/\/i0.wp.com\/itayachtscanada.com\/wp-content\/uploads\/2025\/04\/Capture-decran-le-2025-04-16-a-11.22.09.jpg?resize=602%2C400&amp;ssl=1 602w, https:\/\/i0.wp.com\/itayachtscanada.com\/wp-content\/uploads\/2025\/04\/Capture-decran-le-2025-04-16-a-11.22.09.jpg?w=1400&amp;ssl=1 1400w\" width=\"347\" height=\"231\" loading=\"lazy\" data-original-width=\"347\" data-original-height=\"231\" itemprop=\"http:\/\/schema.org\/image\" title=\"Capture d\u2019e\u0301cran, le 2025-04-16 a\u0300 11.22.09\" alt=\"Capture d\u2019e\u0301cran, le 2025-04-16 a\u0300 11.22.09\" style=\"width: 347px; height: 231px;\" \/> <\/a> <\/div> <\/div> <!-- close group --> <\/div> <!-- close row --> <div class=\"gallery-row\" style=\"width: 700px; height: 155px;\" data-original-width=\"700\" data-original-height=\"155\" > <div class=\"gallery-group images-1\" style=\"width: 234px; height: 155px;\" data-original-width=\"234\" data-original-height=\"155\" > <div class=\"tiled-gallery-item tiled-gallery-item-small\" itemprop=\"associatedMedia\" itemscope itemtype=\"http:\/\/schema.org\/ImageObject\"> <a href=\"https:\/\/itayachtscanada.com\/fr\/listing\/ferretti-670-2022-2950000-usd-a-vendre\/capture-decran-le-2025-04-16-a-11-20-49\/\" border=\"0\" itemprop=\"url\"> <meta itemprop=\"width\" content=\"230\"> <meta itemprop=\"height\" content=\"151\"> <img decoding=\"async\" class=\"\" data-attachment-id=\"218459\" data-orig-file=\"https:\/\/itayachtscanada.com\/wp-content\/uploads\/2025\/04\/Capture-decran-le-2025-04-16-a-11.20.49.jpg\" data-orig-size=\"1538,1016\" data-comments-opened=\"1\" data-image-meta=\"{&quot;aperture&quot;:&quot;0&quot;,&quot;credit&quot;:&quot;&quot;,&quot;camera&quot;:&quot;&quot;,&quot;caption&quot;:&quot;&quot;,&quot;created_timestamp&quot;:&quot;0&quot;,&quot;copyright&quot;:&quot;&quot;,&quot;focal_length&quot;:&quot;0&quot;,&quot;iso&quot;:&quot;0&quot;,&quot;shutter_speed&quot;:&quot;0&quot;,&quot;title&quot;:&quot;&quot;,&quot;orientation&quot;:&quot;0&quot;}\" data-image-title=\"Capture d\u2019e\u0301cran, le 2025-04-16 a\u0300 11.20.49\" data-image-description=\"\" data-medium-file=\"https:\/\/i0.wp.com\/itayachtscanada.com\/wp-content\/uploads\/2025\/04\/Capture-decran-le-2025-04-16-a-11.20.49.jpg?fit=300%2C198&#038;ssl=1\" data-large-file=\"https:\/\/i0.wp.com\/itayachtscanada.com\/wp-content\/uploads\/2025\/04\/Capture-decran-le-2025-04-16-a-11.20.49.jpg?fit=700%2C462&#038;ssl=1\" src=\"https:\/\/i0.wp.com\/itayachtscanada.com\/wp-content\/uploads\/2025\/04\/Capture-decran-le-2025-04-16-a-11.20.49.jpg?w=230&#038;h=151&#038;ssl=1\" srcset=\"https:\/\/i0.wp.com\/itayachtscanada.com\/wp-content\/uploads\/2025\/04\/Capture-decran-le-2025-04-16-a-11.20.49.jpg?w=1538&amp;ssl=1 1538w, https:\/\/i0.wp.com\/itayachtscanada.com\/wp-content\/uploads\/2025\/04\/Capture-decran-le-2025-04-16-a-11.20.49.jpg?resize=300%2C198&amp;ssl=1 300w, https:\/\/i0.wp.com\/itayachtscanada.com\/wp-content\/uploads\/2025\/04\/Capture-decran-le-2025-04-16-a-11.20.49.jpg?resize=1024%2C676&amp;ssl=1 1024w, https:\/\/i0.wp.com\/itayachtscanada.com\/wp-content\/uploads\/2025\/04\/Capture-decran-le-2025-04-16-a-11.20.49.jpg?resize=768%2C507&amp;ssl=1 768w, https:\/\/i0.wp.com\/itayachtscanada.com\/wp-content\/uploads\/2025\/04\/Capture-decran-le-2025-04-16-a-11.20.49.jpg?resize=1536%2C1015&amp;ssl=1 1536w, https:\/\/i0.wp.com\/itayachtscanada.com\/wp-content\/uploads\/2025\/04\/Capture-decran-le-2025-04-16-a-11.20.49.jpg?resize=700%2C462&amp;ssl=1 700w, https:\/\/i0.wp.com\/itayachtscanada.com\/wp-content\/uploads\/2025\/04\/Capture-decran-le-2025-04-16-a-11.20.49.jpg?resize=606%2C400&amp;ssl=1 606w, https:\/\/i0.wp.com\/itayachtscanada.com\/wp-content\/uploads\/2025\/04\/Capture-decran-le-2025-04-16-a-11.20.49.jpg?w=1400&amp;ssl=1 1400w\" width=\"230\" height=\"151\" loading=\"lazy\" data-original-width=\"230\" data-original-height=\"151\" itemprop=\"http:\/\/schema.org\/image\" title=\"Capture d\u2019e\u0301cran, le 2025-04-16 a\u0300 11.20.49\" alt=\"Capture d\u2019e\u0301cran, le 2025-04-16 a\u0300 11.20.49\" style=\"width: 230px; height: 151px;\" \/> <\/a> <\/div> <\/div> <!-- close group --> <div class=\"gallery-group images-1\" style=\"width: 233px; height: 155px;\" data-original-width=\"233\" data-original-height=\"155\" > <div class=\"tiled-gallery-item tiled-gallery-item-small\" itemprop=\"associatedMedia\" itemscope itemtype=\"http:\/\/schema.org\/ImageObject\"> <a href=\"https:\/\/itayachtscanada.com\/fr\/listing\/ferretti-670-2022-2950000-usd-a-vendre\/capture-decran-le-2025-04-16-a-11-20-45\/\" border=\"0\" itemprop=\"url\"> <meta itemprop=\"width\" content=\"229\"> <meta itemprop=\"height\" content=\"151\"> <img decoding=\"async\" class=\"\" data-attachment-id=\"218460\" data-orig-file=\"https:\/\/itayachtscanada.com\/wp-content\/uploads\/2025\/04\/Capture-decran-le-2025-04-16-a-11.20.45.jpg\" data-orig-size=\"1538,1016\" data-comments-opened=\"1\" data-image-meta=\"{&quot;aperture&quot;:&quot;0&quot;,&quot;credit&quot;:&quot;&quot;,&quot;camera&quot;:&quot;&quot;,&quot;caption&quot;:&quot;&quot;,&quot;created_timestamp&quot;:&quot;0&quot;,&quot;copyright&quot;:&quot;&quot;,&quot;focal_length&quot;:&quot;0&quot;,&quot;iso&quot;:&quot;0&quot;,&quot;shutter_speed&quot;:&quot;0&quot;,&quot;title&quot;:&quot;&quot;,&quot;orientation&quot;:&quot;0&quot;}\" data-image-title=\"Capture d\u2019e\u0301cran, le 2025-04-16 a\u0300 11.20.45\" data-image-description=\"\" data-medium-file=\"https:\/\/i0.wp.com\/itayachtscanada.com\/wp-content\/uploads\/2025\/04\/Capture-decran-le-2025-04-16-a-11.20.45.jpg?fit=300%2C198&#038;ssl=1\" data-large-file=\"https:\/\/i0.wp.com\/itayachtscanada.com\/wp-content\/uploads\/2025\/04\/Capture-decran-le-2025-04-16-a-11.20.45.jpg?fit=700%2C462&#038;ssl=1\" src=\"https:\/\/i0.wp.com\/itayachtscanada.com\/wp-content\/uploads\/2025\/04\/Capture-decran-le-2025-04-16-a-11.20.45.jpg?w=229&#038;h=151&#038;ssl=1\" srcset=\"https:\/\/i0.wp.com\/itayachtscanada.com\/wp-content\/uploads\/2025\/04\/Capture-decran-le-2025-04-16-a-11.20.45.jpg?w=1538&amp;ssl=1 1538w, https:\/\/i0.wp.com\/itayachtscanada.com\/wp-content\/uploads\/2025\/04\/Capture-decran-le-2025-04-16-a-11.20.45.jpg?resize=300%2C198&amp;ssl=1 300w, https:\/\/i0.wp.com\/itayachtscanada.com\/wp-content\/uploads\/2025\/04\/Capture-decran-le-2025-04-16-a-11.20.45.jpg?resize=1024%2C676&amp;ssl=1 1024w, https:\/\/i0.wp.com\/itayachtscanada.com\/wp-content\/uploads\/2025\/04\/Capture-decran-le-2025-04-16-a-11.20.45.jpg?resize=768%2C507&amp;ssl=1 768w, https:\/\/i0.wp.com\/itayachtscanada.com\/wp-content\/uploads\/2025\/04\/Capture-decran-le-2025-04-16-a-11.20.45.jpg?resize=1536%2C1015&amp;ssl=1 1536w, https:\/\/i0.wp.com\/itayachtscanada.com\/wp-content\/uploads\/2025\/04\/Capture-decran-le-2025-04-16-a-11.20.45.jpg?resize=700%2C462&amp;ssl=1 700w, https:\/\/i0.wp.com\/itayachtscanada.com\/wp-content\/uploads\/2025\/04\/Capture-decran-le-2025-04-16-a-11.20.45.jpg?resize=606%2C400&amp;ssl=1 606w, https:\/\/i0.wp.com\/itayachtscanada.com\/wp-content\/uploads\/2025\/04\/Capture-decran-le-2025-04-16-a-11.20.45.jpg?w=1400&amp;ssl=1 1400w\" width=\"229\" height=\"151\" loading=\"lazy\" data-original-width=\"229\" data-original-height=\"151\" itemprop=\"http:\/\/schema.org\/image\" title=\"Capture d\u2019e\u0301cran, le 2025-04-16 a\u0300 11.20.45\" alt=\"Capture d\u2019e\u0301cran, le 2025-04-16 a\u0300 11.20.45\" style=\"width: 229px; height: 151px;\" \/> <\/a> <\/div> <\/div> <!-- close group --> <div class=\"gallery-group images-1\" style=\"width: 233px; height: 155px;\" data-original-width=\"233\" data-original-height=\"155\" > <div class=\"tiled-gallery-item tiled-gallery-item-small\" itemprop=\"associatedMedia\" itemscope itemtype=\"http:\/\/schema.org\/ImageObject\"> <a href=\"https:\/\/itayachtscanada.com\/fr\/listing\/ferretti-670-2022-2950000-usd-a-vendre\/capture-decran-le-2025-04-16-a-11-20-56\/\" border=\"0\" itemprop=\"url\"> <meta itemprop=\"width\" content=\"229\"> <meta itemprop=\"height\" content=\"151\"> <img decoding=\"async\" class=\"\" data-attachment-id=\"218457\" data-orig-file=\"https:\/\/itayachtscanada.com\/wp-content\/uploads\/2025\/04\/Capture-decran-le-2025-04-16-a-11.20.56.jpg\" data-orig-size=\"1538,1016\" data-comments-opened=\"1\" data-image-meta=\"{&quot;aperture&quot;:&quot;0&quot;,&quot;credit&quot;:&quot;&quot;,&quot;camera&quot;:&quot;&quot;,&quot;caption&quot;:&quot;&quot;,&quot;created_timestamp&quot;:&quot;0&quot;,&quot;copyright&quot;:&quot;&quot;,&quot;focal_length&quot;:&quot;0&quot;,&quot;iso&quot;:&quot;0&quot;,&quot;shutter_speed&quot;:&quot;0&quot;,&quot;title&quot;:&quot;&quot;,&quot;orientation&quot;:&quot;0&quot;}\" data-image-title=\"Capture d\u2019e\u0301cran, le 2025-04-16 a\u0300 11.20.56\" data-image-description=\"\" data-medium-file=\"https:\/\/i0.wp.com\/itayachtscanada.com\/wp-content\/uploads\/2025\/04\/Capture-decran-le-2025-04-16-a-11.20.56.jpg?fit=300%2C198&#038;ssl=1\" data-large-file=\"https:\/\/i0.wp.com\/itayachtscanada.com\/wp-content\/uploads\/2025\/04\/Capture-decran-le-2025-04-16-a-11.20.56.jpg?fit=700%2C462&#038;ssl=1\" src=\"https:\/\/i0.wp.com\/itayachtscanada.com\/wp-content\/uploads\/2025\/04\/Capture-decran-le-2025-04-16-a-11.20.56.jpg?w=229&#038;h=151&#038;ssl=1\" srcset=\"https:\/\/i0.wp.com\/itayachtscanada.com\/wp-content\/uploads\/2025\/04\/Capture-decran-le-2025-04-16-a-11.20.56.jpg?w=1538&amp;ssl=1 1538w, https:\/\/i0.wp.com\/itayachtscanada.com\/wp-content\/uploads\/2025\/04\/Capture-decran-le-2025-04-16-a-11.20.56.jpg?resize=300%2C198&amp;ssl=1 300w, https:\/\/i0.wp.com\/itayachtscanada.com\/wp-content\/uploads\/2025\/04\/Capture-decran-le-2025-04-16-a-11.20.56.jpg?resize=1024%2C676&amp;ssl=1 1024w, https:\/\/i0.wp.com\/itayachtscanada.com\/wp-content\/uploads\/2025\/04\/Capture-decran-le-2025-04-16-a-11.20.56.jpg?resize=768%2C507&amp;ssl=1 768w, https:\/\/i0.wp.com\/itayachtscanada.com\/wp-content\/uploads\/2025\/04\/Capture-decran-le-2025-04-16-a-11.20.56.jpg?resize=1536%2C1015&amp;ssl=1 1536w, https:\/\/i0.wp.com\/itayachtscanada.com\/wp-content\/uploads\/2025\/04\/Capture-decran-le-2025-04-16-a-11.20.56.jpg?resize=700%2C462&amp;ssl=1 700w, https:\/\/i0.wp.com\/itayachtscanada.com\/wp-content\/uploads\/2025\/04\/Capture-decran-le-2025-04-16-a-11.20.56.jpg?resize=606%2C400&amp;ssl=1 606w, https:\/\/i0.wp.com\/itayachtscanada.com\/wp-content\/uploads\/2025\/04\/Capture-decran-le-2025-04-16-a-11.20.56.jpg?w=1400&amp;ssl=1 1400w\" width=\"229\" height=\"151\" loading=\"lazy\" data-original-width=\"229\" data-original-height=\"151\" itemprop=\"http:\/\/schema.org\/image\" title=\"Capture d\u2019e\u0301cran, le 2025-04-16 a\u0300 11.20.56\" alt=\"Capture d\u2019e\u0301cran, le 2025-04-16 a\u0300 11.20.56\" style=\"width: 229px; height: 151px;\" \/> <\/a> <\/div> <\/div> <!-- close group --> <\/div> <!-- close row --> <div class=\"gallery-row\" style=\"width: 700px; height: 310px;\" data-original-width=\"700\" data-original-height=\"310\" > <div class=\"gallery-group images-1\" style=\"width: 467px; height: 310px;\" data-original-width=\"467\" data-original-height=\"310\" > <div class=\"tiled-gallery-item tiled-gallery-item-large\" itemprop=\"associatedMedia\" itemscope itemtype=\"http:\/\/schema.org\/ImageObject\"> <a href=\"https:\/\/itayachtscanada.com\/fr\/listing\/ferretti-670-2022-2950000-usd-a-vendre\/capture-decran-le-2025-04-16-a-11-20-52\/\" border=\"0\" itemprop=\"url\"> <meta itemprop=\"width\" content=\"463\"> <meta itemprop=\"height\" content=\"306\"> <img decoding=\"async\" class=\"\" data-attachment-id=\"218458\" data-orig-file=\"https:\/\/itayachtscanada.com\/wp-content\/uploads\/2025\/04\/Capture-decran-le-2025-04-16-a-11.20.52.jpg\" data-orig-size=\"1538,1016\" data-comments-opened=\"1\" data-image-meta=\"{&quot;aperture&quot;:&quot;0&quot;,&quot;credit&quot;:&quot;&quot;,&quot;camera&quot;:&quot;&quot;,&quot;caption&quot;:&quot;&quot;,&quot;created_timestamp&quot;:&quot;0&quot;,&quot;copyright&quot;:&quot;&quot;,&quot;focal_length&quot;:&quot;0&quot;,&quot;iso&quot;:&quot;0&quot;,&quot;shutter_speed&quot;:&quot;0&quot;,&quot;title&quot;:&quot;&quot;,&quot;orientation&quot;:&quot;0&quot;}\" data-image-title=\"Capture d\u2019e\u0301cran, le 2025-04-16 a\u0300 11.20.52\" data-image-description=\"\" data-medium-file=\"https:\/\/i0.wp.com\/itayachtscanada.com\/wp-content\/uploads\/2025\/04\/Capture-decran-le-2025-04-16-a-11.20.52.jpg?fit=300%2C198&#038;ssl=1\" data-large-file=\"https:\/\/i0.wp.com\/itayachtscanada.com\/wp-content\/uploads\/2025\/04\/Capture-decran-le-2025-04-16-a-11.20.52.jpg?fit=700%2C462&#038;ssl=1\" src=\"https:\/\/i0.wp.com\/itayachtscanada.com\/wp-content\/uploads\/2025\/04\/Capture-decran-le-2025-04-16-a-11.20.52.jpg?w=463&#038;h=306&#038;ssl=1\" srcset=\"https:\/\/i0.wp.com\/itayachtscanada.com\/wp-content\/uploads\/2025\/04\/Capture-decran-le-2025-04-16-a-11.20.52.jpg?w=1538&amp;ssl=1 1538w, https:\/\/i0.wp.com\/itayachtscanada.com\/wp-content\/uploads\/2025\/04\/Capture-decran-le-2025-04-16-a-11.20.52.jpg?resize=300%2C198&amp;ssl=1 300w, https:\/\/i0.wp.com\/itayachtscanada.com\/wp-content\/uploads\/2025\/04\/Capture-decran-le-2025-04-16-a-11.20.52.jpg?resize=1024%2C676&amp;ssl=1 1024w, https:\/\/i0.wp.com\/itayachtscanada.com\/wp-content\/uploads\/2025\/04\/Capture-decran-le-2025-04-16-a-11.20.52.jpg?resize=768%2C507&amp;ssl=1 768w, https:\/\/i0.wp.com\/itayachtscanada.com\/wp-content\/uploads\/2025\/04\/Capture-decran-le-2025-04-16-a-11.20.52.jpg?resize=1536%2C1015&amp;ssl=1 1536w, https:\/\/i0.wp.com\/itayachtscanada.com\/wp-content\/uploads\/2025\/04\/Capture-decran-le-2025-04-16-a-11.20.52.jpg?resize=700%2C462&amp;ssl=1 700w, https:\/\/i0.wp.com\/itayachtscanada.com\/wp-content\/uploads\/2025\/04\/Capture-decran-le-2025-04-16-a-11.20.52.jpg?resize=606%2C400&amp;ssl=1 606w, https:\/\/i0.wp.com\/itayachtscanada.com\/wp-content\/uploads\/2025\/04\/Capture-decran-le-2025-04-16-a-11.20.52.jpg?w=1400&amp;ssl=1 1400w\" width=\"463\" height=\"306\" loading=\"lazy\" data-original-width=\"463\" data-original-height=\"306\" itemprop=\"http:\/\/schema.org\/image\" title=\"Capture d\u2019e\u0301cran, le 2025-04-16 a\u0300 11.20.52\" alt=\"Capture d\u2019e\u0301cran, le 2025-04-16 a\u0300 11.20.52\" style=\"width: 463px; height: 306px;\" \/> <\/a> <\/div> <\/div> <!-- close group --> <div class=\"gallery-group images-2\" style=\"width: 233px; height: 310px;\" data-original-width=\"233\" data-original-height=\"310\" > <div class=\"tiled-gallery-item tiled-gallery-item-small\" itemprop=\"associatedMedia\" itemscope itemtype=\"http:\/\/schema.org\/ImageObject\"> <a href=\"https:\/\/itayachtscanada.com\/fr\/listing\/ferretti-670-2022-2950000-usd-a-vendre\/capture-decran-le-2025-04-16-a-11-21-02\/\" border=\"0\" itemprop=\"url\"> <meta itemprop=\"width\" content=\"229\"> <meta itemprop=\"height\" content=\"151\"> <img decoding=\"async\" class=\"\" data-attachment-id=\"218455\" data-orig-file=\"https:\/\/itayachtscanada.com\/wp-content\/uploads\/2025\/04\/Capture-decran-le-2025-04-16-a-11.21.02.jpg\" data-orig-size=\"1538,1016\" data-comments-opened=\"1\" data-image-meta=\"{&quot;aperture&quot;:&quot;0&quot;,&quot;credit&quot;:&quot;&quot;,&quot;camera&quot;:&quot;&quot;,&quot;caption&quot;:&quot;&quot;,&quot;created_timestamp&quot;:&quot;0&quot;,&quot;copyright&quot;:&quot;&quot;,&quot;focal_length&quot;:&quot;0&quot;,&quot;iso&quot;:&quot;0&quot;,&quot;shutter_speed&quot;:&quot;0&quot;,&quot;title&quot;:&quot;&quot;,&quot;orientation&quot;:&quot;0&quot;}\" data-image-title=\"Capture d\u2019e\u0301cran, le 2025-04-16 a\u0300 11.21.02\" data-image-description=\"\" data-medium-file=\"https:\/\/i0.wp.com\/itayachtscanada.com\/wp-content\/uploads\/2025\/04\/Capture-decran-le-2025-04-16-a-11.21.02.jpg?fit=300%2C198&#038;ssl=1\" data-large-file=\"https:\/\/i0.wp.com\/itayachtscanada.com\/wp-content\/uploads\/2025\/04\/Capture-decran-le-2025-04-16-a-11.21.02.jpg?fit=700%2C462&#038;ssl=1\" src=\"https:\/\/i0.wp.com\/itayachtscanada.com\/wp-content\/uploads\/2025\/04\/Capture-decran-le-2025-04-16-a-11.21.02.jpg?w=229&#038;h=151&#038;ssl=1\" srcset=\"https:\/\/i0.wp.com\/itayachtscanada.com\/wp-content\/uploads\/2025\/04\/Capture-decran-le-2025-04-16-a-11.21.02.jpg?w=1538&amp;ssl=1 1538w, https:\/\/i0.wp.com\/itayachtscanada.com\/wp-content\/uploads\/2025\/04\/Capture-decran-le-2025-04-16-a-11.21.02.jpg?resize=300%2C198&amp;ssl=1 300w, https:\/\/i0.wp.com\/itayachtscanada.com\/wp-content\/uploads\/2025\/04\/Capture-decran-le-2025-04-16-a-11.21.02.jpg?resize=1024%2C676&amp;ssl=1 1024w, https:\/\/i0.wp.com\/itayachtscanada.com\/wp-content\/uploads\/2025\/04\/Capture-decran-le-2025-04-16-a-11.21.02.jpg?resize=768%2C507&amp;ssl=1 768w, https:\/\/i0.wp.com\/itayachtscanada.com\/wp-content\/uploads\/2025\/04\/Capture-decran-le-2025-04-16-a-11.21.02.jpg?resize=1536%2C1015&amp;ssl=1 1536w, https:\/\/i0.wp.com\/itayachtscanada.com\/wp-content\/uploads\/2025\/04\/Capture-decran-le-2025-04-16-a-11.21.02.jpg?resize=700%2C462&amp;ssl=1 700w, https:\/\/i0.wp.com\/itayachtscanada.com\/wp-content\/uploads\/2025\/04\/Capture-decran-le-2025-04-16-a-11.21.02.jpg?resize=606%2C400&amp;ssl=1 606w, https:\/\/i0.wp.com\/itayachtscanada.com\/wp-content\/uploads\/2025\/04\/Capture-decran-le-2025-04-16-a-11.21.02.jpg?w=1400&amp;ssl=1 1400w\" width=\"229\" height=\"151\" loading=\"lazy\" data-original-width=\"229\" data-original-height=\"151\" itemprop=\"http:\/\/schema.org\/image\" title=\"Capture d\u2019e\u0301cran, le 2025-04-16 a\u0300 11.21.02\" alt=\"Capture d\u2019e\u0301cran, le 2025-04-16 a\u0300 11.21.02\" style=\"width: 229px; height: 151px;\" \/> <\/a> <\/div> <div class=\"tiled-gallery-item tiled-gallery-item-small\" itemprop=\"associatedMedia\" itemscope itemtype=\"http:\/\/schema.org\/ImageObject\"> <a href=\"https:\/\/itayachtscanada.com\/fr\/listing\/ferretti-670-2022-2950000-usd-a-vendre\/capture-decran-le-2025-04-16-a-11-20-59\/\" border=\"0\" itemprop=\"url\"> <meta itemprop=\"width\" content=\"229\"> <meta itemprop=\"height\" content=\"151\"> <img decoding=\"async\" class=\"\" data-attachment-id=\"218456\" data-orig-file=\"https:\/\/itayachtscanada.com\/wp-content\/uploads\/2025\/04\/Capture-decran-le-2025-04-16-a-11.20.59.jpg\" data-orig-size=\"1538,1016\" data-comments-opened=\"1\" data-image-meta=\"{&quot;aperture&quot;:&quot;0&quot;,&quot;credit&quot;:&quot;&quot;,&quot;camera&quot;:&quot;&quot;,&quot;caption&quot;:&quot;&quot;,&quot;created_timestamp&quot;:&quot;0&quot;,&quot;copyright&quot;:&quot;&quot;,&quot;focal_length&quot;:&quot;0&quot;,&quot;iso&quot;:&quot;0&quot;,&quot;shutter_speed&quot;:&quot;0&quot;,&quot;title&quot;:&quot;&quot;,&quot;orientation&quot;:&quot;0&quot;}\" data-image-title=\"Capture d\u2019e\u0301cran, le 2025-04-16 a\u0300 11.20.59\" data-image-description=\"\" data-medium-file=\"https:\/\/i0.wp.com\/itayachtscanada.com\/wp-content\/uploads\/2025\/04\/Capture-decran-le-2025-04-16-a-11.20.59.jpg?fit=300%2C198&#038;ssl=1\" data-large-file=\"https:\/\/i0.wp.com\/itayachtscanada.com\/wp-content\/uploads\/2025\/04\/Capture-decran-le-2025-04-16-a-11.20.59.jpg?fit=700%2C462&#038;ssl=1\" src=\"https:\/\/i0.wp.com\/itayachtscanada.com\/wp-content\/uploads\/2025\/04\/Capture-decran-le-2025-04-16-a-11.20.59.jpg?w=229&#038;h=151&#038;ssl=1\" srcset=\"https:\/\/i0.wp.com\/itayachtscanada.com\/wp-content\/uploads\/2025\/04\/Capture-decran-le-2025-04-16-a-11.20.59.jpg?w=1538&amp;ssl=1 1538w, https:\/\/i0.wp.com\/itayachtscanada.com\/wp-content\/uploads\/2025\/04\/Capture-decran-le-2025-04-16-a-11.20.59.jpg?resize=300%2C198&amp;ssl=1 300w, https:\/\/i0.wp.com\/itayachtscanada.com\/wp-content\/uploads\/2025\/04\/Capture-decran-le-2025-04-16-a-11.20.59.jpg?resize=1024%2C676&amp;ssl=1 1024w, https:\/\/i0.wp.com\/itayachtscanada.com\/wp-content\/uploads\/2025\/04\/Capture-decran-le-2025-04-16-a-11.20.59.jpg?resize=768%2C507&amp;ssl=1 768w, https:\/\/i0.wp.com\/itayachtscanada.com\/wp-content\/uploads\/2025\/04\/Capture-decran-le-2025-04-16-a-11.20.59.jpg?resize=1536%2C1015&amp;ssl=1 1536w, https:\/\/i0.wp.com\/itayachtscanada.com\/wp-content\/uploads\/2025\/04\/Capture-decran-le-2025-04-16-a-11.20.59.jpg?resize=700%2C462&amp;ssl=1 700w, https:\/\/i0.wp.com\/itayachtscanada.com\/wp-content\/uploads\/2025\/04\/Capture-decran-le-2025-04-16-a-11.20.59.jpg?resize=606%2C400&amp;ssl=1 606w, https:\/\/i0.wp.com\/itayachtscanada.com\/wp-content\/uploads\/2025\/04\/Capture-decran-le-2025-04-16-a-11.20.59.jpg?w=1400&amp;ssl=1 1400w\" width=\"229\" height=\"151\" loading=\"lazy\" data-original-width=\"229\" data-original-height=\"151\" itemprop=\"http:\/\/schema.org\/image\" title=\"Capture d\u2019e\u0301cran, le 2025-04-16 a\u0300 11.20.59\" alt=\"Capture d\u2019e\u0301cran, le 2025-04-16 a\u0300 11.20.59\" style=\"width: 229px; height: 151px;\" \/> <\/a> <\/div> <\/div> <!-- close group --> <\/div> <!-- close row --> <div class=\"gallery-row\" style=\"width: 700px; height: 312px;\" data-original-width=\"700\" data-original-height=\"312\" > <div class=\"gallery-group images-2\" style=\"width: 233px; height: 312px;\" data-original-width=\"233\" data-original-height=\"312\" > <div class=\"tiled-gallery-item tiled-gallery-item-small\" itemprop=\"associatedMedia\" itemscope itemtype=\"http:\/\/schema.org\/ImageObject\"> <a href=\"https:\/\/itayachtscanada.com\/fr\/listing\/ferretti-670-2022-2950000-usd-a-vendre\/capture-decran-le-2025-04-16-a-11-22-32\/\" border=\"0\" itemprop=\"url\"> <meta itemprop=\"width\" content=\"229\"> <meta itemprop=\"height\" content=\"152\"> <img decoding=\"async\" class=\"\" data-attachment-id=\"218438\" data-orig-file=\"https:\/\/itayachtscanada.com\/wp-content\/uploads\/2025\/04\/Capture-decran-le-2025-04-16-a-11.22.32.jpg\" data-orig-size=\"1528,1016\" data-comments-opened=\"1\" data-image-meta=\"{&quot;aperture&quot;:&quot;0&quot;,&quot;credit&quot;:&quot;&quot;,&quot;camera&quot;:&quot;&quot;,&quot;caption&quot;:&quot;&quot;,&quot;created_timestamp&quot;:&quot;0&quot;,&quot;copyright&quot;:&quot;&quot;,&quot;focal_length&quot;:&quot;0&quot;,&quot;iso&quot;:&quot;0&quot;,&quot;shutter_speed&quot;:&quot;0&quot;,&quot;title&quot;:&quot;&quot;,&quot;orientation&quot;:&quot;0&quot;}\" data-image-title=\"Capture d\u2019e\u0301cran, le 2025-04-16 a\u0300 11.22.32\" data-image-description=\"\" data-medium-file=\"https:\/\/i0.wp.com\/itayachtscanada.com\/wp-content\/uploads\/2025\/04\/Capture-decran-le-2025-04-16-a-11.22.32.jpg?fit=300%2C199&#038;ssl=1\" data-large-file=\"https:\/\/i0.wp.com\/itayachtscanada.com\/wp-content\/uploads\/2025\/04\/Capture-decran-le-2025-04-16-a-11.22.32.jpg?fit=700%2C466&#038;ssl=1\" src=\"https:\/\/i0.wp.com\/itayachtscanada.com\/wp-content\/uploads\/2025\/04\/Capture-decran-le-2025-04-16-a-11.22.32.jpg?w=229&#038;h=152&#038;ssl=1\" srcset=\"https:\/\/i0.wp.com\/itayachtscanada.com\/wp-content\/uploads\/2025\/04\/Capture-decran-le-2025-04-16-a-11.22.32.jpg?w=1528&amp;ssl=1 1528w, https:\/\/i0.wp.com\/itayachtscanada.com\/wp-content\/uploads\/2025\/04\/Capture-decran-le-2025-04-16-a-11.22.32.jpg?resize=300%2C199&amp;ssl=1 300w, https:\/\/i0.wp.com\/itayachtscanada.com\/wp-content\/uploads\/2025\/04\/Capture-decran-le-2025-04-16-a-11.22.32.jpg?resize=1024%2C681&amp;ssl=1 1024w, https:\/\/i0.wp.com\/itayachtscanada.com\/wp-content\/uploads\/2025\/04\/Capture-decran-le-2025-04-16-a-11.22.32.jpg?resize=768%2C511&amp;ssl=1 768w, https:\/\/i0.wp.com\/itayachtscanada.com\/wp-content\/uploads\/2025\/04\/Capture-decran-le-2025-04-16-a-11.22.32.jpg?resize=700%2C465&amp;ssl=1 700w, https:\/\/i0.wp.com\/itayachtscanada.com\/wp-content\/uploads\/2025\/04\/Capture-decran-le-2025-04-16-a-11.22.32.jpg?resize=900%2C600&amp;ssl=1 900w, https:\/\/i0.wp.com\/itayachtscanada.com\/wp-content\/uploads\/2025\/04\/Capture-decran-le-2025-04-16-a-11.22.32.jpg?resize=602%2C400&amp;ssl=1 602w, https:\/\/i0.wp.com\/itayachtscanada.com\/wp-content\/uploads\/2025\/04\/Capture-decran-le-2025-04-16-a-11.22.32.jpg?w=1400&amp;ssl=1 1400w\" width=\"229\" height=\"152\" loading=\"lazy\" data-original-width=\"229\" data-original-height=\"152\" itemprop=\"http:\/\/schema.org\/image\" title=\"Capture d\u2019e\u0301cran, le 2025-04-16 a\u0300 11.22.32\" alt=\"Capture d\u2019e\u0301cran, le 2025-04-16 a\u0300 11.22.32\" style=\"width: 229px; height: 152px;\" \/> <\/a> <\/div> <div class=\"tiled-gallery-item tiled-gallery-item-small\" itemprop=\"associatedMedia\" itemscope itemtype=\"http:\/\/schema.org\/ImageObject\"> <a href=\"https:\/\/itayachtscanada.com\/fr\/listing\/ferretti-670-2022-2950000-usd-a-vendre\/capture-decran-le-2025-04-16-a-11-22-02\/\" border=\"0\" itemprop=\"url\"> <meta itemprop=\"width\" content=\"229\"> <meta itemprop=\"height\" content=\"152\"> <img decoding=\"async\" class=\"\" data-attachment-id=\"218444\" data-orig-file=\"https:\/\/itayachtscanada.com\/wp-content\/uploads\/2025\/04\/Capture-decran-le-2025-04-16-a-11.22.02.jpg\" data-orig-size=\"1528,1016\" data-comments-opened=\"1\" data-image-meta=\"{&quot;aperture&quot;:&quot;0&quot;,&quot;credit&quot;:&quot;&quot;,&quot;camera&quot;:&quot;&quot;,&quot;caption&quot;:&quot;&quot;,&quot;created_timestamp&quot;:&quot;0&quot;,&quot;copyright&quot;:&quot;&quot;,&quot;focal_length&quot;:&quot;0&quot;,&quot;iso&quot;:&quot;0&quot;,&quot;shutter_speed&quot;:&quot;0&quot;,&quot;title&quot;:&quot;&quot;,&quot;orientation&quot;:&quot;0&quot;}\" data-image-title=\"Capture d\u2019e\u0301cran, le 2025-04-16 a\u0300 11.22.02\" data-image-description=\"\" data-medium-file=\"https:\/\/i0.wp.com\/itayachtscanada.com\/wp-content\/uploads\/2025\/04\/Capture-decran-le-2025-04-16-a-11.22.02.jpg?fit=300%2C199&#038;ssl=1\" data-large-file=\"https:\/\/i0.wp.com\/itayachtscanada.com\/wp-content\/uploads\/2025\/04\/Capture-decran-le-2025-04-16-a-11.22.02.jpg?fit=700%2C466&#038;ssl=1\" src=\"https:\/\/i0.wp.com\/itayachtscanada.com\/wp-content\/uploads\/2025\/04\/Capture-decran-le-2025-04-16-a-11.22.02.jpg?w=229&#038;h=152&#038;ssl=1\" srcset=\"https:\/\/i0.wp.com\/itayachtscanada.com\/wp-content\/uploads\/2025\/04\/Capture-decran-le-2025-04-16-a-11.22.02.jpg?w=1528&amp;ssl=1 1528w, https:\/\/i0.wp.com\/itayachtscanada.com\/wp-content\/uploads\/2025\/04\/Capture-decran-le-2025-04-16-a-11.22.02.jpg?resize=300%2C199&amp;ssl=1 300w, https:\/\/i0.wp.com\/itayachtscanada.com\/wp-content\/uploads\/2025\/04\/Capture-decran-le-2025-04-16-a-11.22.02.jpg?resize=1024%2C681&amp;ssl=1 1024w, https:\/\/i0.wp.com\/itayachtscanada.com\/wp-content\/uploads\/2025\/04\/Capture-decran-le-2025-04-16-a-11.22.02.jpg?resize=768%2C511&amp;ssl=1 768w, https:\/\/i0.wp.com\/itayachtscanada.com\/wp-content\/uploads\/2025\/04\/Capture-decran-le-2025-04-16-a-11.22.02.jpg?resize=700%2C465&amp;ssl=1 700w, https:\/\/i0.wp.com\/itayachtscanada.com\/wp-content\/uploads\/2025\/04\/Capture-decran-le-2025-04-16-a-11.22.02.jpg?resize=900%2C600&amp;ssl=1 900w, https:\/\/i0.wp.com\/itayachtscanada.com\/wp-content\/uploads\/2025\/04\/Capture-decran-le-2025-04-16-a-11.22.02.jpg?resize=602%2C400&amp;ssl=1 602w, https:\/\/i0.wp.com\/itayachtscanada.com\/wp-content\/uploads\/2025\/04\/Capture-decran-le-2025-04-16-a-11.22.02.jpg?w=1400&amp;ssl=1 1400w\" width=\"229\" height=\"152\" loading=\"lazy\" data-original-width=\"229\" data-original-height=\"152\" itemprop=\"http:\/\/schema.org\/image\" title=\"Capture d\u2019e\u0301cran, le 2025-04-16 a\u0300 11.22.02\" alt=\"Capture d\u2019e\u0301cran, le 2025-04-16 a\u0300 11.22.02\" style=\"width: 229px; height: 152px;\" \/> <\/a> <\/div> <\/div> <!-- close group --> <div class=\"gallery-group images-1\" style=\"width: 467px; height: 312px;\" data-original-width=\"467\" data-original-height=\"312\" > <div class=\"tiled-gallery-item tiled-gallery-item-large\" itemprop=\"associatedMedia\" itemscope itemtype=\"http:\/\/schema.org\/ImageObject\"> <a href=\"https:\/\/itayachtscanada.com\/fr\/listing\/ferretti-670-2022-2950000-usd-a-vendre\/capture-decran-le-2025-04-16-a-11-22-05\/\" border=\"0\" itemprop=\"url\"> <meta itemprop=\"width\" content=\"463\"> <meta itemprop=\"height\" content=\"308\"> <img decoding=\"async\" class=\"\" data-attachment-id=\"218443\" data-orig-file=\"https:\/\/itayachtscanada.com\/wp-content\/uploads\/2025\/04\/Capture-decran-le-2025-04-16-a-11.22.05.jpg\" data-orig-size=\"1528,1016\" data-comments-opened=\"1\" data-image-meta=\"{&quot;aperture&quot;:&quot;0&quot;,&quot;credit&quot;:&quot;&quot;,&quot;camera&quot;:&quot;&quot;,&quot;caption&quot;:&quot;&quot;,&quot;created_timestamp&quot;:&quot;0&quot;,&quot;copyright&quot;:&quot;&quot;,&quot;focal_length&quot;:&quot;0&quot;,&quot;iso&quot;:&quot;0&quot;,&quot;shutter_speed&quot;:&quot;0&quot;,&quot;title&quot;:&quot;&quot;,&quot;orientation&quot;:&quot;0&quot;}\" data-image-title=\"Capture d\u2019e\u0301cran, le 2025-04-16 a\u0300 11.22.05\" data-image-description=\"\" data-medium-file=\"https:\/\/i0.wp.com\/itayachtscanada.com\/wp-content\/uploads\/2025\/04\/Capture-decran-le-2025-04-16-a-11.22.05.jpg?fit=300%2C199&#038;ssl=1\" data-large-file=\"https:\/\/i0.wp.com\/itayachtscanada.com\/wp-content\/uploads\/2025\/04\/Capture-decran-le-2025-04-16-a-11.22.05.jpg?fit=700%2C466&#038;ssl=1\" src=\"https:\/\/i0.wp.com\/itayachtscanada.com\/wp-content\/uploads\/2025\/04\/Capture-decran-le-2025-04-16-a-11.22.05.jpg?w=463&#038;h=308&#038;ssl=1\" srcset=\"https:\/\/i0.wp.com\/itayachtscanada.com\/wp-content\/uploads\/2025\/04\/Capture-decran-le-2025-04-16-a-11.22.05.jpg?w=1528&amp;ssl=1 1528w, https:\/\/i0.wp.com\/itayachtscanada.com\/wp-content\/uploads\/2025\/04\/Capture-decran-le-2025-04-16-a-11.22.05.jpg?resize=300%2C199&amp;ssl=1 300w, https:\/\/i0.wp.com\/itayachtscanada.com\/wp-content\/uploads\/2025\/04\/Capture-decran-le-2025-04-16-a-11.22.05.jpg?resize=1024%2C681&amp;ssl=1 1024w, https:\/\/i0.wp.com\/itayachtscanada.com\/wp-content\/uploads\/2025\/04\/Capture-decran-le-2025-04-16-a-11.22.05.jpg?resize=768%2C511&amp;ssl=1 768w, https:\/\/i0.wp.com\/itayachtscanada.com\/wp-content\/uploads\/2025\/04\/Capture-decran-le-2025-04-16-a-11.22.05.jpg?resize=700%2C465&amp;ssl=1 700w, https:\/\/i0.wp.com\/itayachtscanada.com\/wp-content\/uploads\/2025\/04\/Capture-decran-le-2025-04-16-a-11.22.05.jpg?resize=900%2C600&amp;ssl=1 900w, https:\/\/i0.wp.com\/itayachtscanada.com\/wp-content\/uploads\/2025\/04\/Capture-decran-le-2025-04-16-a-11.22.05.jpg?resize=602%2C400&amp;ssl=1 602w, https:\/\/i0.wp.com\/itayachtscanada.com\/wp-content\/uploads\/2025\/04\/Capture-decran-le-2025-04-16-a-11.22.05.jpg?w=1400&amp;ssl=1 1400w\" width=\"463\" height=\"308\" loading=\"lazy\" data-original-width=\"463\" data-original-height=\"308\" itemprop=\"http:\/\/schema.org\/image\" title=\"Capture d\u2019e\u0301cran, le 2025-04-16 a\u0300 11.22.05\" alt=\"Capture d\u2019e\u0301cran, le 2025-04-16 a\u0300 11.22.05\" style=\"width: 463px; height: 308px;\" \/> <\/a> <\/div> <\/div> <!-- close group --> <\/div> <!-- close row --> <div class=\"gallery-row\" style=\"width: 700px; height: 234px;\" data-original-width=\"700\" data-original-height=\"234\" > <div class=\"gallery-group images-1\" style=\"width: 350px; height: 234px;\" data-original-width=\"350\" data-original-height=\"234\" > <div class=\"tiled-gallery-item tiled-gallery-item-large\" itemprop=\"associatedMedia\" itemscope itemtype=\"http:\/\/schema.org\/ImageObject\"> <a href=\"https:\/\/itayachtscanada.com\/fr\/listing\/ferretti-670-2022-2950000-usd-a-vendre\/capture-decran-le-2025-04-16-a-11-21-58\/\" border=\"0\" itemprop=\"url\"> <meta itemprop=\"width\" content=\"346\"> <meta itemprop=\"height\" content=\"230\"> <img decoding=\"async\" class=\"\" data-attachment-id=\"218445\" data-orig-file=\"https:\/\/itayachtscanada.com\/wp-content\/uploads\/2025\/04\/Capture-decran-le-2025-04-16-a-11.21.58.jpg\" data-orig-size=\"1528,1016\" data-comments-opened=\"1\" data-image-meta=\"{&quot;aperture&quot;:&quot;0&quot;,&quot;credit&quot;:&quot;&quot;,&quot;camera&quot;:&quot;&quot;,&quot;caption&quot;:&quot;&quot;,&quot;created_timestamp&quot;:&quot;0&quot;,&quot;copyright&quot;:&quot;&quot;,&quot;focal_length&quot;:&quot;0&quot;,&quot;iso&quot;:&quot;0&quot;,&quot;shutter_speed&quot;:&quot;0&quot;,&quot;title&quot;:&quot;&quot;,&quot;orientation&quot;:&quot;0&quot;}\" data-image-title=\"Capture d\u2019e\u0301cran, le 2025-04-16 a\u0300 11.21.58\" data-image-description=\"\" data-medium-file=\"https:\/\/i0.wp.com\/itayachtscanada.com\/wp-content\/uploads\/2025\/04\/Capture-decran-le-2025-04-16-a-11.21.58.jpg?fit=300%2C199&#038;ssl=1\" data-large-file=\"https:\/\/i0.wp.com\/itayachtscanada.com\/wp-content\/uploads\/2025\/04\/Capture-decran-le-2025-04-16-a-11.21.58.jpg?fit=700%2C466&#038;ssl=1\" src=\"https:\/\/i0.wp.com\/itayachtscanada.com\/wp-content\/uploads\/2025\/04\/Capture-decran-le-2025-04-16-a-11.21.58.jpg?w=346&#038;h=230&#038;ssl=1\" srcset=\"https:\/\/i0.wp.com\/itayachtscanada.com\/wp-content\/uploads\/2025\/04\/Capture-decran-le-2025-04-16-a-11.21.58.jpg?w=1528&amp;ssl=1 1528w, https:\/\/i0.wp.com\/itayachtscanada.com\/wp-content\/uploads\/2025\/04\/Capture-decran-le-2025-04-16-a-11.21.58.jpg?resize=300%2C199&amp;ssl=1 300w, https:\/\/i0.wp.com\/itayachtscanada.com\/wp-content\/uploads\/2025\/04\/Capture-decran-le-2025-04-16-a-11.21.58.jpg?resize=1024%2C681&amp;ssl=1 1024w, https:\/\/i0.wp.com\/itayachtscanada.com\/wp-content\/uploads\/2025\/04\/Capture-decran-le-2025-04-16-a-11.21.58.jpg?resize=768%2C511&amp;ssl=1 768w, https:\/\/i0.wp.com\/itayachtscanada.com\/wp-content\/uploads\/2025\/04\/Capture-decran-le-2025-04-16-a-11.21.58.jpg?resize=700%2C465&amp;ssl=1 700w, https:\/\/i0.wp.com\/itayachtscanada.com\/wp-content\/uploads\/2025\/04\/Capture-decran-le-2025-04-16-a-11.21.58.jpg?resize=900%2C600&amp;ssl=1 900w, https:\/\/i0.wp.com\/itayachtscanada.com\/wp-content\/uploads\/2025\/04\/Capture-decran-le-2025-04-16-a-11.21.58.jpg?resize=602%2C400&amp;ssl=1 602w, https:\/\/i0.wp.com\/itayachtscanada.com\/wp-content\/uploads\/2025\/04\/Capture-decran-le-2025-04-16-a-11.21.58.jpg?w=1400&amp;ssl=1 1400w\" width=\"346\" height=\"230\" loading=\"lazy\" data-original-width=\"346\" data-original-height=\"230\" itemprop=\"http:\/\/schema.org\/image\" title=\"Capture d\u2019e\u0301cran, le 2025-04-16 a\u0300 11.21.58\" alt=\"Capture d\u2019e\u0301cran, le 2025-04-16 a\u0300 11.21.58\" style=\"width: 346px; height: 230px;\" \/> <\/a> <\/div> <\/div> <!-- close group --> <div class=\"gallery-group images-1\" style=\"width: 350px; height: 234px;\" data-original-width=\"350\" data-original-height=\"234\" > <div class=\"tiled-gallery-item tiled-gallery-item-large\" itemprop=\"associatedMedia\" itemscope itemtype=\"http:\/\/schema.org\/ImageObject\"> <a href=\"https:\/\/itayachtscanada.com\/fr\/listing\/ferretti-670-2022-2950000-usd-a-vendre\/capture-decran-le-2025-04-16-a-11-21-47\/\" border=\"0\" itemprop=\"url\"> <meta itemprop=\"width\" content=\"346\"> <meta itemprop=\"height\" content=\"230\"> <img decoding=\"async\" class=\"\" data-attachment-id=\"218448\" data-orig-file=\"https:\/\/itayachtscanada.com\/wp-content\/uploads\/2025\/04\/Capture-decran-le-2025-04-16-a-11.21.47.jpg\" data-orig-size=\"1528,1016\" data-comments-opened=\"1\" data-image-meta=\"{&quot;aperture&quot;:&quot;0&quot;,&quot;credit&quot;:&quot;&quot;,&quot;camera&quot;:&quot;&quot;,&quot;caption&quot;:&quot;&quot;,&quot;created_timestamp&quot;:&quot;0&quot;,&quot;copyright&quot;:&quot;&quot;,&quot;focal_length&quot;:&quot;0&quot;,&quot;iso&quot;:&quot;0&quot;,&quot;shutter_speed&quot;:&quot;0&quot;,&quot;title&quot;:&quot;&quot;,&quot;orientation&quot;:&quot;0&quot;}\" data-image-title=\"Capture d\u2019e\u0301cran, le 2025-04-16 a\u0300 11.21.47\" data-image-description=\"\" data-medium-file=\"https:\/\/i0.wp.com\/itayachtscanada.com\/wp-content\/uploads\/2025\/04\/Capture-decran-le-2025-04-16-a-11.21.47.jpg?fit=300%2C199&#038;ssl=1\" data-large-file=\"https:\/\/i0.wp.com\/itayachtscanada.com\/wp-content\/uploads\/2025\/04\/Capture-decran-le-2025-04-16-a-11.21.47.jpg?fit=700%2C466&#038;ssl=1\" src=\"https:\/\/i0.wp.com\/itayachtscanada.com\/wp-content\/uploads\/2025\/04\/Capture-decran-le-2025-04-16-a-11.21.47.jpg?w=346&#038;h=230&#038;ssl=1\" srcset=\"https:\/\/i0.wp.com\/itayachtscanada.com\/wp-content\/uploads\/2025\/04\/Capture-decran-le-2025-04-16-a-11.21.47.jpg?w=1528&amp;ssl=1 1528w, https:\/\/i0.wp.com\/itayachtscanada.com\/wp-content\/uploads\/2025\/04\/Capture-decran-le-2025-04-16-a-11.21.47.jpg?resize=300%2C199&amp;ssl=1 300w, https:\/\/i0.wp.com\/itayachtscanada.com\/wp-content\/uploads\/2025\/04\/Capture-decran-le-2025-04-16-a-11.21.47.jpg?resize=1024%2C681&amp;ssl=1 1024w, https:\/\/i0.wp.com\/itayachtscanada.com\/wp-content\/uploads\/2025\/04\/Capture-decran-le-2025-04-16-a-11.21.47.jpg?resize=768%2C511&amp;ssl=1 768w, https:\/\/i0.wp.com\/itayachtscanada.com\/wp-content\/uploads\/2025\/04\/Capture-decran-le-2025-04-16-a-11.21.47.jpg?resize=700%2C465&amp;ssl=1 700w, https:\/\/i0.wp.com\/itayachtscanada.com\/wp-content\/uploads\/2025\/04\/Capture-decran-le-2025-04-16-a-11.21.47.jpg?resize=900%2C600&amp;ssl=1 900w, https:\/\/i0.wp.com\/itayachtscanada.com\/wp-content\/uploads\/2025\/04\/Capture-decran-le-2025-04-16-a-11.21.47.jpg?resize=602%2C400&amp;ssl=1 602w, https:\/\/i0.wp.com\/itayachtscanada.com\/wp-content\/uploads\/2025\/04\/Capture-decran-le-2025-04-16-a-11.21.47.jpg?w=1400&amp;ssl=1 1400w\" width=\"346\" height=\"230\" loading=\"lazy\" data-original-width=\"346\" data-original-height=\"230\" itemprop=\"http:\/\/schema.org\/image\" title=\"Capture d\u2019e\u0301cran, le 2025-04-16 a\u0300 11.21.47\" alt=\"Capture d\u2019e\u0301cran, le 2025-04-16 a\u0300 11.21.47\" style=\"width: 346px; height: 230px;\" \/> <\/a> <\/div> <\/div> <!-- close group --> <\/div> <!-- close row --> <div class=\"gallery-row\" style=\"width: 700px; height: 156px;\" data-original-width=\"700\" data-original-height=\"156\" > <div class=\"gallery-group images-1\" style=\"width: 234px; height: 156px;\" data-original-width=\"234\" data-original-height=\"156\" > <div class=\"tiled-gallery-item tiled-gallery-item-small\" itemprop=\"associatedMedia\" itemscope itemtype=\"http:\/\/schema.org\/ImageObject\"> <a href=\"https:\/\/itayachtscanada.com\/fr\/listing\/ferretti-670-2022-2950000-usd-a-vendre\/capture-decran-le-2025-04-16-a-11-21-51\/\" border=\"0\" itemprop=\"url\"> <meta itemprop=\"width\" content=\"230\"> <meta itemprop=\"height\" content=\"152\"> <img decoding=\"async\" class=\"\" data-attachment-id=\"218447\" data-orig-file=\"https:\/\/itayachtscanada.com\/wp-content\/uploads\/2025\/04\/Capture-decran-le-2025-04-16-a-11.21.51.jpg\" data-orig-size=\"1528,1016\" data-comments-opened=\"1\" data-image-meta=\"{&quot;aperture&quot;:&quot;0&quot;,&quot;credit&quot;:&quot;&quot;,&quot;camera&quot;:&quot;&quot;,&quot;caption&quot;:&quot;&quot;,&quot;created_timestamp&quot;:&quot;0&quot;,&quot;copyright&quot;:&quot;&quot;,&quot;focal_length&quot;:&quot;0&quot;,&quot;iso&quot;:&quot;0&quot;,&quot;shutter_speed&quot;:&quot;0&quot;,&quot;title&quot;:&quot;&quot;,&quot;orientation&quot;:&quot;0&quot;}\" data-image-title=\"Capture d\u2019e\u0301cran, le 2025-04-16 a\u0300 11.21.51\" data-image-description=\"\" data-medium-file=\"https:\/\/i0.wp.com\/itayachtscanada.com\/wp-content\/uploads\/2025\/04\/Capture-decran-le-2025-04-16-a-11.21.51.jpg?fit=300%2C199&#038;ssl=1\" data-large-file=\"https:\/\/i0.wp.com\/itayachtscanada.com\/wp-content\/uploads\/2025\/04\/Capture-decran-le-2025-04-16-a-11.21.51.jpg?fit=700%2C466&#038;ssl=1\" src=\"https:\/\/i0.wp.com\/itayachtscanada.com\/wp-content\/uploads\/2025\/04\/Capture-decran-le-2025-04-16-a-11.21.51.jpg?w=230&#038;h=152&#038;ssl=1\" srcset=\"https:\/\/i0.wp.com\/itayachtscanada.com\/wp-content\/uploads\/2025\/04\/Capture-decran-le-2025-04-16-a-11.21.51.jpg?w=1528&amp;ssl=1 1528w, https:\/\/i0.wp.com\/itayachtscanada.com\/wp-content\/uploads\/2025\/04\/Capture-decran-le-2025-04-16-a-11.21.51.jpg?resize=300%2C199&amp;ssl=1 300w, https:\/\/i0.wp.com\/itayachtscanada.com\/wp-content\/uploads\/2025\/04\/Capture-decran-le-2025-04-16-a-11.21.51.jpg?resize=1024%2C681&amp;ssl=1 1024w, https:\/\/i0.wp.com\/itayachtscanada.com\/wp-content\/uploads\/2025\/04\/Capture-decran-le-2025-04-16-a-11.21.51.jpg?resize=768%2C511&amp;ssl=1 768w, https:\/\/i0.wp.com\/itayachtscanada.com\/wp-content\/uploads\/2025\/04\/Capture-decran-le-2025-04-16-a-11.21.51.jpg?resize=700%2C465&amp;ssl=1 700w, https:\/\/i0.wp.com\/itayachtscanada.com\/wp-content\/uploads\/2025\/04\/Capture-decran-le-2025-04-16-a-11.21.51.jpg?resize=900%2C600&amp;ssl=1 900w, https:\/\/i0.wp.com\/itayachtscanada.com\/wp-content\/uploads\/2025\/04\/Capture-decran-le-2025-04-16-a-11.21.51.jpg?resize=602%2C400&amp;ssl=1 602w, https:\/\/i0.wp.com\/itayachtscanada.com\/wp-content\/uploads\/2025\/04\/Capture-decran-le-2025-04-16-a-11.21.51.jpg?w=1400&amp;ssl=1 1400w\" width=\"230\" height=\"152\" loading=\"lazy\" data-original-width=\"230\" data-original-height=\"152\" itemprop=\"http:\/\/schema.org\/image\" title=\"Capture d\u2019e\u0301cran, le 2025-04-16 a\u0300 11.21.51\" alt=\"Capture d\u2019e\u0301cran, le 2025-04-16 a\u0300 11.21.51\" style=\"width: 230px; height: 152px;\" \/> <\/a> <\/div> <\/div> <!-- close group --> <div class=\"gallery-group images-1\" style=\"width: 233px; height: 156px;\" data-original-width=\"233\" data-original-height=\"156\" > <div class=\"tiled-gallery-item tiled-gallery-item-small\" itemprop=\"associatedMedia\" itemscope itemtype=\"http:\/\/schema.org\/ImageObject\"> <a href=\"https:\/\/itayachtscanada.com\/fr\/listing\/ferretti-670-2022-2950000-usd-a-vendre\/capture-decran-le-2025-04-16-a-11-21-54\/\" border=\"0\" itemprop=\"url\"> <meta itemprop=\"width\" content=\"229\"> <meta itemprop=\"height\" content=\"152\"> <img decoding=\"async\" class=\"\" data-attachment-id=\"218446\" data-orig-file=\"https:\/\/itayachtscanada.com\/wp-content\/uploads\/2025\/04\/Capture-decran-le-2025-04-16-a-11.21.54.jpg\" data-orig-size=\"1528,1016\" data-comments-opened=\"1\" data-image-meta=\"{&quot;aperture&quot;:&quot;0&quot;,&quot;credit&quot;:&quot;&quot;,&quot;camera&quot;:&quot;&quot;,&quot;caption&quot;:&quot;&quot;,&quot;created_timestamp&quot;:&quot;0&quot;,&quot;copyright&quot;:&quot;&quot;,&quot;focal_length&quot;:&quot;0&quot;,&quot;iso&quot;:&quot;0&quot;,&quot;shutter_speed&quot;:&quot;0&quot;,&quot;title&quot;:&quot;&quot;,&quot;orientation&quot;:&quot;0&quot;}\" data-image-title=\"Capture d\u2019e\u0301cran, le 2025-04-16 a\u0300 11.21.54\" data-image-description=\"\" data-medium-file=\"https:\/\/i0.wp.com\/itayachtscanada.com\/wp-content\/uploads\/2025\/04\/Capture-decran-le-2025-04-16-a-11.21.54.jpg?fit=300%2C199&#038;ssl=1\" data-large-file=\"https:\/\/i0.wp.com\/itayachtscanada.com\/wp-content\/uploads\/2025\/04\/Capture-decran-le-2025-04-16-a-11.21.54.jpg?fit=700%2C466&#038;ssl=1\" src=\"https:\/\/i0.wp.com\/itayachtscanada.com\/wp-content\/uploads\/2025\/04\/Capture-decran-le-2025-04-16-a-11.21.54.jpg?w=229&#038;h=152&#038;ssl=1\" srcset=\"https:\/\/i0.wp.com\/itayachtscanada.com\/wp-content\/uploads\/2025\/04\/Capture-decran-le-2025-04-16-a-11.21.54.jpg?w=1528&amp;ssl=1 1528w, https:\/\/i0.wp.com\/itayachtscanada.com\/wp-content\/uploads\/2025\/04\/Capture-decran-le-2025-04-16-a-11.21.54.jpg?resize=300%2C199&amp;ssl=1 300w, https:\/\/i0.wp.com\/itayachtscanada.com\/wp-content\/uploads\/2025\/04\/Capture-decran-le-2025-04-16-a-11.21.54.jpg?resize=1024%2C681&amp;ssl=1 1024w, https:\/\/i0.wp.com\/itayachtscanada.com\/wp-content\/uploads\/2025\/04\/Capture-decran-le-2025-04-16-a-11.21.54.jpg?resize=768%2C511&amp;ssl=1 768w, https:\/\/i0.wp.com\/itayachtscanada.com\/wp-content\/uploads\/2025\/04\/Capture-decran-le-2025-04-16-a-11.21.54.jpg?resize=700%2C465&amp;ssl=1 700w, https:\/\/i0.wp.com\/itayachtscanada.com\/wp-content\/uploads\/2025\/04\/Capture-decran-le-2025-04-16-a-11.21.54.jpg?resize=900%2C600&amp;ssl=1 900w, https:\/\/i0.wp.com\/itayachtscanada.com\/wp-content\/uploads\/2025\/04\/Capture-decran-le-2025-04-16-a-11.21.54.jpg?resize=602%2C400&amp;ssl=1 602w, https:\/\/i0.wp.com\/itayachtscanada.com\/wp-content\/uploads\/2025\/04\/Capture-decran-le-2025-04-16-a-11.21.54.jpg?w=1400&amp;ssl=1 1400w\" width=\"229\" height=\"152\" loading=\"lazy\" data-original-width=\"229\" data-original-height=\"152\" itemprop=\"http:\/\/schema.org\/image\" title=\"Capture d\u2019e\u0301cran, le 2025-04-16 a\u0300 11.21.54\" alt=\"Capture d\u2019e\u0301cran, le 2025-04-16 a\u0300 11.21.54\" style=\"width: 229px; height: 152px;\" \/> <\/a> <\/div> <\/div> <!-- close group --> <div class=\"gallery-group images-1\" style=\"width: 233px; height: 156px;\" data-original-width=\"233\" data-original-height=\"156\" > <div class=\"tiled-gallery-item tiled-gallery-item-small\" itemprop=\"associatedMedia\" itemscope itemtype=\"http:\/\/schema.org\/ImageObject\"> <a href=\"https:\/\/itayachtscanada.com\/fr\/listing\/ferretti-670-2022-2950000-usd-a-vendre\/capture-decran-le-2025-04-16-a-11-21-43\/\" border=\"0\" itemprop=\"url\"> <meta itemprop=\"width\" content=\"229\"> <meta itemprop=\"height\" content=\"152\"> <img decoding=\"async\" class=\"\" data-attachment-id=\"218449\" data-orig-file=\"https:\/\/itayachtscanada.com\/wp-content\/uploads\/2025\/04\/Capture-decran-le-2025-04-16-a-11.21.43.jpg\" data-orig-size=\"1528,1016\" data-comments-opened=\"1\" data-image-meta=\"{&quot;aperture&quot;:&quot;0&quot;,&quot;credit&quot;:&quot;&quot;,&quot;camera&quot;:&quot;&quot;,&quot;caption&quot;:&quot;&quot;,&quot;created_timestamp&quot;:&quot;0&quot;,&quot;copyright&quot;:&quot;&quot;,&quot;focal_length&quot;:&quot;0&quot;,&quot;iso&quot;:&quot;0&quot;,&quot;shutter_speed&quot;:&quot;0&quot;,&quot;title&quot;:&quot;&quot;,&quot;orientation&quot;:&quot;0&quot;}\" data-image-title=\"Capture d\u2019e\u0301cran, le 2025-04-16 a\u0300 11.21.43\" data-image-description=\"\" data-medium-file=\"https:\/\/i0.wp.com\/itayachtscanada.com\/wp-content\/uploads\/2025\/04\/Capture-decran-le-2025-04-16-a-11.21.43.jpg?fit=300%2C199&#038;ssl=1\" data-large-file=\"https:\/\/i0.wp.com\/itayachtscanada.com\/wp-content\/uploads\/2025\/04\/Capture-decran-le-2025-04-16-a-11.21.43.jpg?fit=700%2C466&#038;ssl=1\" src=\"https:\/\/i0.wp.com\/itayachtscanada.com\/wp-content\/uploads\/2025\/04\/Capture-decran-le-2025-04-16-a-11.21.43.jpg?w=229&#038;h=152&#038;ssl=1\" srcset=\"https:\/\/i0.wp.com\/itayachtscanada.com\/wp-content\/uploads\/2025\/04\/Capture-decran-le-2025-04-16-a-11.21.43.jpg?w=1528&amp;ssl=1 1528w, https:\/\/i0.wp.com\/itayachtscanada.com\/wp-content\/uploads\/2025\/04\/Capture-decran-le-2025-04-16-a-11.21.43.jpg?resize=300%2C199&amp;ssl=1 300w, https:\/\/i0.wp.com\/itayachtscanada.com\/wp-content\/uploads\/2025\/04\/Capture-decran-le-2025-04-16-a-11.21.43.jpg?resize=1024%2C681&amp;ssl=1 1024w, https:\/\/i0.wp.com\/itayachtscanada.com\/wp-content\/uploads\/2025\/04\/Capture-decran-le-2025-04-16-a-11.21.43.jpg?resize=768%2C511&amp;ssl=1 768w, https:\/\/i0.wp.com\/itayachtscanada.com\/wp-content\/uploads\/2025\/04\/Capture-decran-le-2025-04-16-a-11.21.43.jpg?resize=700%2C465&amp;ssl=1 700w, https:\/\/i0.wp.com\/itayachtscanada.com\/wp-content\/uploads\/2025\/04\/Capture-decran-le-2025-04-16-a-11.21.43.jpg?resize=900%2C600&amp;ssl=1 900w, https:\/\/i0.wp.com\/itayachtscanada.com\/wp-content\/uploads\/2025\/04\/Capture-decran-le-2025-04-16-a-11.21.43.jpg?resize=602%2C400&amp;ssl=1 602w, https:\/\/i0.wp.com\/itayachtscanada.com\/wp-content\/uploads\/2025\/04\/Capture-decran-le-2025-04-16-a-11.21.43.jpg?w=1400&amp;ssl=1 1400w\" width=\"229\" height=\"152\" loading=\"lazy\" data-original-width=\"229\" data-original-height=\"152\" itemprop=\"http:\/\/schema.org\/image\" title=\"Capture d\u2019e\u0301cran, le 2025-04-16 a\u0300 11.21.43\" alt=\"Capture d\u2019e\u0301cran, le 2025-04-16 a\u0300 11.21.43\" style=\"width: 229px; height: 152px;\" \/> <\/a> <\/div> <\/div> <!-- close group --> <\/div> <!-- close row --> <div class=\"gallery-row\" style=\"width: 700px; height: 314px;\" data-original-width=\"700\" data-original-height=\"314\" > <div class=\"gallery-group images-1\" style=\"width: 470px; height: 314px;\" data-original-width=\"470\" data-original-height=\"314\" > <div class=\"tiled-gallery-item tiled-gallery-item-large\" itemprop=\"associatedMedia\" itemscope itemtype=\"http:\/\/schema.org\/ImageObject\"> <a href=\"https:\/\/itayachtscanada.com\/fr\/listing\/ferretti-670-2022-2950000-usd-a-vendre\/capture-decran-le-2025-04-16-a-11-21-35\/\" border=\"0\" itemprop=\"url\"> <meta itemprop=\"width\" content=\"466\"> <meta itemprop=\"height\" content=\"310\"> <img decoding=\"async\" class=\"\" data-attachment-id=\"218450\" data-orig-file=\"https:\/\/itayachtscanada.com\/wp-content\/uploads\/2025\/04\/Capture-decran-le-2025-04-16-a-11.21.35.jpg\" data-orig-size=\"1528,1016\" data-comments-opened=\"1\" data-image-meta=\"{&quot;aperture&quot;:&quot;0&quot;,&quot;credit&quot;:&quot;&quot;,&quot;camera&quot;:&quot;&quot;,&quot;caption&quot;:&quot;&quot;,&quot;created_timestamp&quot;:&quot;0&quot;,&quot;copyright&quot;:&quot;&quot;,&quot;focal_length&quot;:&quot;0&quot;,&quot;iso&quot;:&quot;0&quot;,&quot;shutter_speed&quot;:&quot;0&quot;,&quot;title&quot;:&quot;&quot;,&quot;orientation&quot;:&quot;0&quot;}\" data-image-title=\"Capture d\u2019e\u0301cran, le 2025-04-16 a\u0300 11.21.35\" data-image-description=\"\" data-medium-file=\"https:\/\/i0.wp.com\/itayachtscanada.com\/wp-content\/uploads\/2025\/04\/Capture-decran-le-2025-04-16-a-11.21.35.jpg?fit=300%2C199&#038;ssl=1\" data-large-file=\"https:\/\/i0.wp.com\/itayachtscanada.com\/wp-content\/uploads\/2025\/04\/Capture-decran-le-2025-04-16-a-11.21.35.jpg?fit=700%2C466&#038;ssl=1\" src=\"https:\/\/i0.wp.com\/itayachtscanada.com\/wp-content\/uploads\/2025\/04\/Capture-decran-le-2025-04-16-a-11.21.35.jpg?w=466&#038;h=310&#038;ssl=1\" srcset=\"https:\/\/i0.wp.com\/itayachtscanada.com\/wp-content\/uploads\/2025\/04\/Capture-decran-le-2025-04-16-a-11.21.35.jpg?w=1528&amp;ssl=1 1528w, https:\/\/i0.wp.com\/itayachtscanada.com\/wp-content\/uploads\/2025\/04\/Capture-decran-le-2025-04-16-a-11.21.35.jpg?resize=300%2C199&amp;ssl=1 300w, https:\/\/i0.wp.com\/itayachtscanada.com\/wp-content\/uploads\/2025\/04\/Capture-decran-le-2025-04-16-a-11.21.35.jpg?resize=1024%2C681&amp;ssl=1 1024w, https:\/\/i0.wp.com\/itayachtscanada.com\/wp-content\/uploads\/2025\/04\/Capture-decran-le-2025-04-16-a-11.21.35.jpg?resize=768%2C511&amp;ssl=1 768w, https:\/\/i0.wp.com\/itayachtscanada.com\/wp-content\/uploads\/2025\/04\/Capture-decran-le-2025-04-16-a-11.21.35.jpg?resize=700%2C465&amp;ssl=1 700w, https:\/\/i0.wp.com\/itayachtscanada.com\/wp-content\/uploads\/2025\/04\/Capture-decran-le-2025-04-16-a-11.21.35.jpg?resize=900%2C600&amp;ssl=1 900w, https:\/\/i0.wp.com\/itayachtscanada.com\/wp-content\/uploads\/2025\/04\/Capture-decran-le-2025-04-16-a-11.21.35.jpg?resize=602%2C400&amp;ssl=1 602w, https:\/\/i0.wp.com\/itayachtscanada.com\/wp-content\/uploads\/2025\/04\/Capture-decran-le-2025-04-16-a-11.21.35.jpg?w=1400&amp;ssl=1 1400w\" width=\"466\" height=\"310\" loading=\"lazy\" data-original-width=\"466\" data-original-height=\"310\" itemprop=\"http:\/\/schema.org\/image\" title=\"Capture d\u2019e\u0301cran, le 2025-04-16 a\u0300 11.21.35\" alt=\"Capture d\u2019e\u0301cran, le 2025-04-16 a\u0300 11.21.35\" style=\"width: 466px; height: 310px;\" \/> <\/a> <\/div> <\/div> <!-- close group --> <div class=\"gallery-group images-2\" style=\"width: 230px; height: 314px;\" data-original-width=\"230\" data-original-height=\"314\" > <div class=\"tiled-gallery-item tiled-gallery-item-small\" itemprop=\"associatedMedia\" itemscope itemtype=\"http:\/\/schema.org\/ImageObject\"> <a href=\"https:\/\/itayachtscanada.com\/fr\/listing\/ferretti-670-2022-2950000-usd-a-vendre\/capture-decran-le-2025-04-16-a-11-21-26\/\" border=\"0\" itemprop=\"url\"> <meta itemprop=\"width\" content=\"226\"> <meta itemprop=\"height\" content=\"157\"> <img decoding=\"async\" class=\"\" data-attachment-id=\"218451\" data-orig-file=\"https:\/\/itayachtscanada.com\/wp-content\/uploads\/2025\/04\/Capture-decran-le-2025-04-16-a-11.21.26.jpg\" data-orig-size=\"1468,1016\" data-comments-opened=\"1\" data-image-meta=\"{&quot;aperture&quot;:&quot;0&quot;,&quot;credit&quot;:&quot;&quot;,&quot;camera&quot;:&quot;&quot;,&quot;caption&quot;:&quot;&quot;,&quot;created_timestamp&quot;:&quot;0&quot;,&quot;copyright&quot;:&quot;&quot;,&quot;focal_length&quot;:&quot;0&quot;,&quot;iso&quot;:&quot;0&quot;,&quot;shutter_speed&quot;:&quot;0&quot;,&quot;title&quot;:&quot;&quot;,&quot;orientation&quot;:&quot;0&quot;}\" data-image-title=\"Capture d\u2019e\u0301cran, le 2025-04-16 a\u0300 11.21.26\" data-image-description=\"\" data-medium-file=\"https:\/\/i0.wp.com\/itayachtscanada.com\/wp-content\/uploads\/2025\/04\/Capture-decran-le-2025-04-16-a-11.21.26.jpg?fit=300%2C208&#038;ssl=1\" data-large-file=\"https:\/\/i0.wp.com\/itayachtscanada.com\/wp-content\/uploads\/2025\/04\/Capture-decran-le-2025-04-16-a-11.21.26.jpg?fit=700%2C485&#038;ssl=1\" src=\"https:\/\/i0.wp.com\/itayachtscanada.com\/wp-content\/uploads\/2025\/04\/Capture-decran-le-2025-04-16-a-11.21.26.jpg?w=226&#038;h=157&#038;ssl=1\" srcset=\"https:\/\/i0.wp.com\/itayachtscanada.com\/wp-content\/uploads\/2025\/04\/Capture-decran-le-2025-04-16-a-11.21.26.jpg?w=1468&amp;ssl=1 1468w, https:\/\/i0.wp.com\/itayachtscanada.com\/wp-content\/uploads\/2025\/04\/Capture-decran-le-2025-04-16-a-11.21.26.jpg?resize=300%2C208&amp;ssl=1 300w, https:\/\/i0.wp.com\/itayachtscanada.com\/wp-content\/uploads\/2025\/04\/Capture-decran-le-2025-04-16-a-11.21.26.jpg?resize=1024%2C709&amp;ssl=1 1024w, https:\/\/i0.wp.com\/itayachtscanada.com\/wp-content\/uploads\/2025\/04\/Capture-decran-le-2025-04-16-a-11.21.26.jpg?resize=768%2C532&amp;ssl=1 768w, https:\/\/i0.wp.com\/itayachtscanada.com\/wp-content\/uploads\/2025\/04\/Capture-decran-le-2025-04-16-a-11.21.26.jpg?resize=700%2C484&amp;ssl=1 700w, https:\/\/i0.wp.com\/itayachtscanada.com\/wp-content\/uploads\/2025\/04\/Capture-decran-le-2025-04-16-a-11.21.26.jpg?resize=578%2C400&amp;ssl=1 578w, https:\/\/i0.wp.com\/itayachtscanada.com\/wp-content\/uploads\/2025\/04\/Capture-decran-le-2025-04-16-a-11.21.26.jpg?w=1400&amp;ssl=1 1400w\" width=\"226\" height=\"157\" loading=\"lazy\" data-original-width=\"226\" data-original-height=\"157\" itemprop=\"http:\/\/schema.org\/image\" title=\"Capture d\u2019e\u0301cran, le 2025-04-16 a\u0300 11.21.26\" alt=\"Capture d\u2019e\u0301cran, le 2025-04-16 a\u0300 11.21.26\" style=\"width: 226px; height: 157px;\" \/> <\/a> <\/div> <div class=\"tiled-gallery-item tiled-gallery-item-small\" itemprop=\"associatedMedia\" itemscope itemtype=\"http:\/\/schema.org\/ImageObject\"> <a href=\"https:\/\/itayachtscanada.com\/fr\/listing\/ferretti-670-2022-2950000-usd-a-vendre\/capture-decran-le-2025-04-16-a-11-20-24\/\" border=\"0\" itemprop=\"url\"> <meta itemprop=\"width\" content=\"226\"> <meta itemprop=\"height\" content=\"149\"> <img decoding=\"async\" class=\"\" data-attachment-id=\"218465\" data-orig-file=\"https:\/\/itayachtscanada.com\/wp-content\/uploads\/2025\/04\/Capture-decran-le-2025-04-16-a-11.20.24.jpg\" data-orig-size=\"1538,1016\" data-comments-opened=\"1\" data-image-meta=\"{&quot;aperture&quot;:&quot;0&quot;,&quot;credit&quot;:&quot;&quot;,&quot;camera&quot;:&quot;&quot;,&quot;caption&quot;:&quot;&quot;,&quot;created_timestamp&quot;:&quot;0&quot;,&quot;copyright&quot;:&quot;&quot;,&quot;focal_length&quot;:&quot;0&quot;,&quot;iso&quot;:&quot;0&quot;,&quot;shutter_speed&quot;:&quot;0&quot;,&quot;title&quot;:&quot;&quot;,&quot;orientation&quot;:&quot;0&quot;}\" data-image-title=\"Capture d\u2019e\u0301cran, le 2025-04-16 a\u0300 11.20.24\" data-image-description=\"\" data-medium-file=\"https:\/\/i0.wp.com\/itayachtscanada.com\/wp-content\/uploads\/2025\/04\/Capture-decran-le-2025-04-16-a-11.20.24.jpg?fit=300%2C198&#038;ssl=1\" data-large-file=\"https:\/\/i0.wp.com\/itayachtscanada.com\/wp-content\/uploads\/2025\/04\/Capture-decran-le-2025-04-16-a-11.20.24.jpg?fit=700%2C462&#038;ssl=1\" src=\"https:\/\/i0.wp.com\/itayachtscanada.com\/wp-content\/uploads\/2025\/04\/Capture-decran-le-2025-04-16-a-11.20.24.jpg?w=226&#038;h=149&#038;ssl=1\" srcset=\"https:\/\/i0.wp.com\/itayachtscanada.com\/wp-content\/uploads\/2025\/04\/Capture-decran-le-2025-04-16-a-11.20.24.jpg?w=1538&amp;ssl=1 1538w, https:\/\/i0.wp.com\/itayachtscanada.com\/wp-content\/uploads\/2025\/04\/Capture-decran-le-2025-04-16-a-11.20.24.jpg?resize=300%2C198&amp;ssl=1 300w, https:\/\/i0.wp.com\/itayachtscanada.com\/wp-content\/uploads\/2025\/04\/Capture-decran-le-2025-04-16-a-11.20.24.jpg?resize=1024%2C676&amp;ssl=1 1024w, https:\/\/i0.wp.com\/itayachtscanada.com\/wp-content\/uploads\/2025\/04\/Capture-decran-le-2025-04-16-a-11.20.24.jpg?resize=768%2C507&amp;ssl=1 768w, https:\/\/i0.wp.com\/itayachtscanada.com\/wp-content\/uploads\/2025\/04\/Capture-decran-le-2025-04-16-a-11.20.24.jpg?resize=1536%2C1015&amp;ssl=1 1536w, https:\/\/i0.wp.com\/itayachtscanada.com\/wp-content\/uploads\/2025\/04\/Capture-decran-le-2025-04-16-a-11.20.24.jpg?resize=700%2C462&amp;ssl=1 700w, https:\/\/i0.wp.com\/itayachtscanada.com\/wp-content\/uploads\/2025\/04\/Capture-decran-le-2025-04-16-a-11.20.24.jpg?resize=606%2C400&amp;ssl=1 606w, https:\/\/i0.wp.com\/itayachtscanada.com\/wp-content\/uploads\/2025\/04\/Capture-decran-le-2025-04-16-a-11.20.24.jpg?w=1400&amp;ssl=1 1400w\" width=\"226\" height=\"149\" loading=\"lazy\" data-original-width=\"226\" data-original-height=\"149\" itemprop=\"http:\/\/schema.org\/image\" title=\"Capture d\u2019e\u0301cran, le 2025-04-16 a\u0300 11.20.24\" alt=\"Capture d\u2019e\u0301cran, le 2025-04-16 a\u0300 11.20.24\" style=\"width: 226px; height: 149px;\" \/> <\/a> <\/div> <\/div> <!-- close group --> <\/div> <!-- close row --> <div class=\"gallery-row\" style=\"width: 700px; height: 310px;\" data-original-width=\"700\" data-original-height=\"310\" > <div class=\"gallery-group images-2\" style=\"width: 233px; height: 310px;\" data-original-width=\"233\" data-original-height=\"310\" > <div class=\"tiled-gallery-item tiled-gallery-item-small\" itemprop=\"associatedMedia\" itemscope itemtype=\"http:\/\/schema.org\/ImageObject\"> <a href=\"https:\/\/itayachtscanada.com\/fr\/listing\/ferretti-670-2022-2950000-usd-a-vendre\/capture-decran-le-2025-04-16-a-11-20-20\/\" border=\"0\" itemprop=\"url\"> <meta itemprop=\"width\" content=\"229\"> <meta itemprop=\"height\" content=\"151\"> <img decoding=\"async\" class=\"\" data-attachment-id=\"218466\" data-orig-file=\"https:\/\/itayachtscanada.com\/wp-content\/uploads\/2025\/04\/Capture-decran-le-2025-04-16-a-11.20.20.jpg\" data-orig-size=\"1538,1016\" data-comments-opened=\"1\" data-image-meta=\"{&quot;aperture&quot;:&quot;0&quot;,&quot;credit&quot;:&quot;&quot;,&quot;camera&quot;:&quot;&quot;,&quot;caption&quot;:&quot;&quot;,&quot;created_timestamp&quot;:&quot;0&quot;,&quot;copyright&quot;:&quot;&quot;,&quot;focal_length&quot;:&quot;0&quot;,&quot;iso&quot;:&quot;0&quot;,&quot;shutter_speed&quot;:&quot;0&quot;,&quot;title&quot;:&quot;&quot;,&quot;orientation&quot;:&quot;0&quot;}\" data-image-title=\"Capture d\u2019e\u0301cran, le 2025-04-16 a\u0300 11.20.20\" data-image-description=\"\" data-medium-file=\"https:\/\/i0.wp.com\/itayachtscanada.com\/wp-content\/uploads\/2025\/04\/Capture-decran-le-2025-04-16-a-11.20.20.jpg?fit=300%2C198&#038;ssl=1\" data-large-file=\"https:\/\/i0.wp.com\/itayachtscanada.com\/wp-content\/uploads\/2025\/04\/Capture-decran-le-2025-04-16-a-11.20.20.jpg?fit=700%2C462&#038;ssl=1\" src=\"https:\/\/i0.wp.com\/itayachtscanada.com\/wp-content\/uploads\/2025\/04\/Capture-decran-le-2025-04-16-a-11.20.20.jpg?w=229&#038;h=151&#038;ssl=1\" srcset=\"https:\/\/i0.wp.com\/itayachtscanada.com\/wp-content\/uploads\/2025\/04\/Capture-decran-le-2025-04-16-a-11.20.20.jpg?w=1538&amp;ssl=1 1538w, https:\/\/i0.wp.com\/itayachtscanada.com\/wp-content\/uploads\/2025\/04\/Capture-decran-le-2025-04-16-a-11.20.20.jpg?resize=300%2C198&amp;ssl=1 300w, https:\/\/i0.wp.com\/itayachtscanada.com\/wp-content\/uploads\/2025\/04\/Capture-decran-le-2025-04-16-a-11.20.20.jpg?resize=1024%2C676&amp;ssl=1 1024w, https:\/\/i0.wp.com\/itayachtscanada.com\/wp-content\/uploads\/2025\/04\/Capture-decran-le-2025-04-16-a-11.20.20.jpg?resize=768%2C507&amp;ssl=1 768w, https:\/\/i0.wp.com\/itayachtscanada.com\/wp-content\/uploads\/2025\/04\/Capture-decran-le-2025-04-16-a-11.20.20.jpg?resize=1536%2C1015&amp;ssl=1 1536w, https:\/\/i0.wp.com\/itayachtscanada.com\/wp-content\/uploads\/2025\/04\/Capture-decran-le-2025-04-16-a-11.20.20.jpg?resize=700%2C462&amp;ssl=1 700w, https:\/\/i0.wp.com\/itayachtscanada.com\/wp-content\/uploads\/2025\/04\/Capture-decran-le-2025-04-16-a-11.20.20.jpg?resize=606%2C400&amp;ssl=1 606w, https:\/\/i0.wp.com\/itayachtscanada.com\/wp-content\/uploads\/2025\/04\/Capture-decran-le-2025-04-16-a-11.20.20.jpg?w=1400&amp;ssl=1 1400w\" width=\"229\" height=\"151\" loading=\"lazy\" data-original-width=\"229\" data-original-height=\"151\" itemprop=\"http:\/\/schema.org\/image\" title=\"Capture d\u2019e\u0301cran, le 2025-04-16 a\u0300 11.20.20\" alt=\"Capture d\u2019e\u0301cran, le 2025-04-16 a\u0300 11.20.20\" style=\"width: 229px; height: 151px;\" \/> <\/a> <\/div> <div class=\"tiled-gallery-item tiled-gallery-item-small\" itemprop=\"associatedMedia\" itemscope itemtype=\"http:\/\/schema.org\/ImageObject\"> <a href=\"https:\/\/itayachtscanada.com\/fr\/listing\/ferretti-670-2022-2950000-usd-a-vendre\/capture-decran-le-2025-04-16-a-11-20-41\/\" border=\"0\" itemprop=\"url\"> <meta itemprop=\"width\" content=\"229\"> <meta itemprop=\"height\" content=\"151\"> <img decoding=\"async\" class=\"\" data-attachment-id=\"218461\" data-orig-file=\"https:\/\/itayachtscanada.com\/wp-content\/uploads\/2025\/04\/Capture-decran-le-2025-04-16-a-11.20.41.jpg\" data-orig-size=\"1538,1016\" data-comments-opened=\"1\" data-image-meta=\"{&quot;aperture&quot;:&quot;0&quot;,&quot;credit&quot;:&quot;&quot;,&quot;camera&quot;:&quot;&quot;,&quot;caption&quot;:&quot;&quot;,&quot;created_timestamp&quot;:&quot;0&quot;,&quot;copyright&quot;:&quot;&quot;,&quot;focal_length&quot;:&quot;0&quot;,&quot;iso&quot;:&quot;0&quot;,&quot;shutter_speed&quot;:&quot;0&quot;,&quot;title&quot;:&quot;&quot;,&quot;orientation&quot;:&quot;0&quot;}\" data-image-title=\"Capture d\u2019e\u0301cran, le 2025-04-16 a\u0300 11.20.41\" data-image-description=\"\" data-medium-file=\"https:\/\/i0.wp.com\/itayachtscanada.com\/wp-content\/uploads\/2025\/04\/Capture-decran-le-2025-04-16-a-11.20.41.jpg?fit=300%2C198&#038;ssl=1\" data-large-file=\"https:\/\/i0.wp.com\/itayachtscanada.com\/wp-content\/uploads\/2025\/04\/Capture-decran-le-2025-04-16-a-11.20.41.jpg?fit=700%2C462&#038;ssl=1\" src=\"https:\/\/i0.wp.com\/itayachtscanada.com\/wp-content\/uploads\/2025\/04\/Capture-decran-le-2025-04-16-a-11.20.41.jpg?w=229&#038;h=151&#038;ssl=1\" srcset=\"https:\/\/i0.wp.com\/itayachtscanada.com\/wp-content\/uploads\/2025\/04\/Capture-decran-le-2025-04-16-a-11.20.41.jpg?w=1538&amp;ssl=1 1538w, https:\/\/i0.wp.com\/itayachtscanada.com\/wp-content\/uploads\/2025\/04\/Capture-decran-le-2025-04-16-a-11.20.41.jpg?resize=300%2C198&amp;ssl=1 300w, https:\/\/i0.wp.com\/itayachtscanada.com\/wp-content\/uploads\/2025\/04\/Capture-decran-le-2025-04-16-a-11.20.41.jpg?resize=1024%2C676&amp;ssl=1 1024w, https:\/\/i0.wp.com\/itayachtscanada.com\/wp-content\/uploads\/2025\/04\/Capture-decran-le-2025-04-16-a-11.20.41.jpg?resize=768%2C507&amp;ssl=1 768w, https:\/\/i0.wp.com\/itayachtscanada.com\/wp-content\/uploads\/2025\/04\/Capture-decran-le-2025-04-16-a-11.20.41.jpg?resize=1536%2C1015&amp;ssl=1 1536w, https:\/\/i0.wp.com\/itayachtscanada.com\/wp-content\/uploads\/2025\/04\/Capture-decran-le-2025-04-16-a-11.20.41.jpg?resize=700%2C462&amp;ssl=1 700w, https:\/\/i0.wp.com\/itayachtscanada.com\/wp-content\/uploads\/2025\/04\/Capture-decran-le-2025-04-16-a-11.20.41.jpg?resize=606%2C400&amp;ssl=1 606w, https:\/\/i0.wp.com\/itayachtscanada.com\/wp-content\/uploads\/2025\/04\/Capture-decran-le-2025-04-16-a-11.20.41.jpg?w=1400&amp;ssl=1 1400w\" width=\"229\" height=\"151\" loading=\"lazy\" data-original-width=\"229\" data-original-height=\"151\" itemprop=\"http:\/\/schema.org\/image\" title=\"Capture d\u2019e\u0301cran, le 2025-04-16 a\u0300 11.20.41\" alt=\"Capture d\u2019e\u0301cran, le 2025-04-16 a\u0300 11.20.41\" style=\"width: 229px; height: 151px;\" \/> <\/a> <\/div> <\/div> <!-- close group --> <div class=\"gallery-group images-1\" style=\"width: 467px; height: 310px;\" data-original-width=\"467\" data-original-height=\"310\" > <div class=\"tiled-gallery-item tiled-gallery-item-large\" itemprop=\"associatedMedia\" itemscope itemtype=\"http:\/\/schema.org\/ImageObject\"> <a href=\"https:\/\/itayachtscanada.com\/fr\/listing\/ferretti-670-2022-2950000-usd-a-vendre\/capture-decran-le-2025-04-16-a-11-20-37\/\" border=\"0\" itemprop=\"url\"> <meta itemprop=\"width\" content=\"463\"> <meta itemprop=\"height\" content=\"306\"> <img decoding=\"async\" class=\"\" data-attachment-id=\"218462\" data-orig-file=\"https:\/\/itayachtscanada.com\/wp-content\/uploads\/2025\/04\/Capture-decran-le-2025-04-16-a-11.20.37.jpg\" data-orig-size=\"1538,1016\" data-comments-opened=\"1\" data-image-meta=\"{&quot;aperture&quot;:&quot;0&quot;,&quot;credit&quot;:&quot;&quot;,&quot;camera&quot;:&quot;&quot;,&quot;caption&quot;:&quot;&quot;,&quot;created_timestamp&quot;:&quot;0&quot;,&quot;copyright&quot;:&quot;&quot;,&quot;focal_length&quot;:&quot;0&quot;,&quot;iso&quot;:&quot;0&quot;,&quot;shutter_speed&quot;:&quot;0&quot;,&quot;title&quot;:&quot;&quot;,&quot;orientation&quot;:&quot;0&quot;}\" data-image-title=\"Capture d\u2019e\u0301cran, le 2025-04-16 a\u0300 11.20.37\" data-image-description=\"\" data-medium-file=\"https:\/\/i0.wp.com\/itayachtscanada.com\/wp-content\/uploads\/2025\/04\/Capture-decran-le-2025-04-16-a-11.20.37.jpg?fit=300%2C198&#038;ssl=1\" data-large-file=\"https:\/\/i0.wp.com\/itayachtscanada.com\/wp-content\/uploads\/2025\/04\/Capture-decran-le-2025-04-16-a-11.20.37.jpg?fit=700%2C462&#038;ssl=1\" src=\"https:\/\/i0.wp.com\/itayachtscanada.com\/wp-content\/uploads\/2025\/04\/Capture-decran-le-2025-04-16-a-11.20.37.jpg?w=463&#038;h=306&#038;ssl=1\" srcset=\"https:\/\/i0.wp.com\/itayachtscanada.com\/wp-content\/uploads\/2025\/04\/Capture-decran-le-2025-04-16-a-11.20.37.jpg?w=1538&amp;ssl=1 1538w, https:\/\/i0.wp.com\/itayachtscanada.com\/wp-content\/uploads\/2025\/04\/Capture-decran-le-2025-04-16-a-11.20.37.jpg?resize=300%2C198&amp;ssl=1 300w, https:\/\/i0.wp.com\/itayachtscanada.com\/wp-content\/uploads\/2025\/04\/Capture-decran-le-2025-04-16-a-11.20.37.jpg?resize=1024%2C676&amp;ssl=1 1024w, https:\/\/i0.wp.com\/itayachtscanada.com\/wp-content\/uploads\/2025\/04\/Capture-decran-le-2025-04-16-a-11.20.37.jpg?resize=768%2C507&amp;ssl=1 768w, https:\/\/i0.wp.com\/itayachtscanada.com\/wp-content\/uploads\/2025\/04\/Capture-decran-le-2025-04-16-a-11.20.37.jpg?resize=1536%2C1015&amp;ssl=1 1536w, https:\/\/i0.wp.com\/itayachtscanada.com\/wp-content\/uploads\/2025\/04\/Capture-decran-le-2025-04-16-a-11.20.37.jpg?resize=700%2C462&amp;ssl=1 700w, https:\/\/i0.wp.com\/itayachtscanada.com\/wp-content\/uploads\/2025\/04\/Capture-decran-le-2025-04-16-a-11.20.37.jpg?resize=606%2C400&amp;ssl=1 606w, https:\/\/i0.wp.com\/itayachtscanada.com\/wp-content\/uploads\/2025\/04\/Capture-decran-le-2025-04-16-a-11.20.37.jpg?w=1400&amp;ssl=1 1400w\" width=\"463\" height=\"306\" loading=\"lazy\" data-original-width=\"463\" data-original-height=\"306\" itemprop=\"http:\/\/schema.org\/image\" title=\"Capture d\u2019e\u0301cran, le 2025-04-16 a\u0300 11.20.37\" alt=\"Capture d\u2019e\u0301cran, le 2025-04-16 a\u0300 11.20.37\" style=\"width: 463px; height: 306px;\" \/> <\/a> <\/div> <\/div> <!-- close group --> <\/div> <!-- close row --> <div class=\"gallery-row\" style=\"width: 700px; height: 233px;\" data-original-width=\"700\" data-original-height=\"233\" > <div class=\"gallery-group images-1\" style=\"width: 350px; height: 233px;\" data-original-width=\"350\" data-original-height=\"233\" > <div class=\"tiled-gallery-item tiled-gallery-item-large\" itemprop=\"associatedMedia\" itemscope itemtype=\"http:\/\/schema.org\/ImageObject\"> <a href=\"https:\/\/itayachtscanada.com\/fr\/listing\/ferretti-670-2022-2950000-usd-a-vendre\/capture-decran-le-2025-04-16-a-11-20-34\/\" border=\"0\" itemprop=\"url\"> <meta itemprop=\"width\" content=\"346\"> <meta itemprop=\"height\" content=\"229\"> <img decoding=\"async\" class=\"\" data-attachment-id=\"218463\" data-orig-file=\"https:\/\/itayachtscanada.com\/wp-content\/uploads\/2025\/04\/Capture-decran-le-2025-04-16-a-11.20.34.jpg\" data-orig-size=\"1538,1016\" data-comments-opened=\"1\" data-image-meta=\"{&quot;aperture&quot;:&quot;0&quot;,&quot;credit&quot;:&quot;&quot;,&quot;camera&quot;:&quot;&quot;,&quot;caption&quot;:&quot;&quot;,&quot;created_timestamp&quot;:&quot;0&quot;,&quot;copyright&quot;:&quot;&quot;,&quot;focal_length&quot;:&quot;0&quot;,&quot;iso&quot;:&quot;0&quot;,&quot;shutter_speed&quot;:&quot;0&quot;,&quot;title&quot;:&quot;&quot;,&quot;orientation&quot;:&quot;0&quot;}\" data-image-title=\"Capture d\u2019e\u0301cran, le 2025-04-16 a\u0300 11.20.34\" data-image-description=\"\" data-medium-file=\"https:\/\/i0.wp.com\/itayachtscanada.com\/wp-content\/uploads\/2025\/04\/Capture-decran-le-2025-04-16-a-11.20.34.jpg?fit=300%2C198&#038;ssl=1\" data-large-file=\"https:\/\/i0.wp.com\/itayachtscanada.com\/wp-content\/uploads\/2025\/04\/Capture-decran-le-2025-04-16-a-11.20.34.jpg?fit=700%2C462&#038;ssl=1\" src=\"https:\/\/i0.wp.com\/itayachtscanada.com\/wp-content\/uploads\/2025\/04\/Capture-decran-le-2025-04-16-a-11.20.34.jpg?w=346&#038;h=229&#038;ssl=1\" srcset=\"https:\/\/i0.wp.com\/itayachtscanada.com\/wp-content\/uploads\/2025\/04\/Capture-decran-le-2025-04-16-a-11.20.34.jpg?w=1538&amp;ssl=1 1538w, https:\/\/i0.wp.com\/itayachtscanada.com\/wp-content\/uploads\/2025\/04\/Capture-decran-le-2025-04-16-a-11.20.34.jpg?resize=300%2C198&amp;ssl=1 300w, https:\/\/i0.wp.com\/itayachtscanada.com\/wp-content\/uploads\/2025\/04\/Capture-decran-le-2025-04-16-a-11.20.34.jpg?resize=1024%2C676&amp;ssl=1 1024w, https:\/\/i0.wp.com\/itayachtscanada.com\/wp-content\/uploads\/2025\/04\/Capture-decran-le-2025-04-16-a-11.20.34.jpg?resize=768%2C507&amp;ssl=1 768w, https:\/\/i0.wp.com\/itayachtscanada.com\/wp-content\/uploads\/2025\/04\/Capture-decran-le-2025-04-16-a-11.20.34.jpg?resize=1536%2C1015&amp;ssl=1 1536w, https:\/\/i0.wp.com\/itayachtscanada.com\/wp-content\/uploads\/2025\/04\/Capture-decran-le-2025-04-16-a-11.20.34.jpg?resize=700%2C462&amp;ssl=1 700w, https:\/\/i0.wp.com\/itayachtscanada.com\/wp-content\/uploads\/2025\/04\/Capture-decran-le-2025-04-16-a-11.20.34.jpg?resize=606%2C400&amp;ssl=1 606w, https:\/\/i0.wp.com\/itayachtscanada.com\/wp-content\/uploads\/2025\/04\/Capture-decran-le-2025-04-16-a-11.20.34.jpg?w=1400&amp;ssl=1 1400w\" width=\"346\" height=\"229\" loading=\"lazy\" data-original-width=\"346\" data-original-height=\"229\" itemprop=\"http:\/\/schema.org\/image\" title=\"Capture d\u2019e\u0301cran, le 2025-04-16 a\u0300 11.20.34\" alt=\"Capture d\u2019e\u0301cran, le 2025-04-16 a\u0300 11.20.34\" style=\"width: 346px; height: 229px;\" \/> <\/a> <\/div> <\/div> <!-- close group --> <div class=\"gallery-group images-1\" style=\"width: 350px; height: 233px;\" data-original-width=\"350\" data-original-height=\"233\" > <div class=\"tiled-gallery-item tiled-gallery-item-large\" itemprop=\"associatedMedia\" itemscope itemtype=\"http:\/\/schema.org\/ImageObject\"> <a href=\"https:\/\/itayachtscanada.com\/fr\/listing\/ferretti-670-2022-2950000-usd-a-vendre\/capture-decran-le-2025-04-16-a-11-20-28\/\" border=\"0\" itemprop=\"url\"> <meta itemprop=\"width\" content=\"346\"> <meta itemprop=\"height\" content=\"229\"> <img decoding=\"async\" class=\"\" data-attachment-id=\"218464\" data-orig-file=\"https:\/\/itayachtscanada.com\/wp-content\/uploads\/2025\/04\/Capture-decran-le-2025-04-16-a-11.20.28.jpg\" data-orig-size=\"1538,1016\" data-comments-opened=\"1\" data-image-meta=\"{&quot;aperture&quot;:&quot;0&quot;,&quot;credit&quot;:&quot;&quot;,&quot;camera&quot;:&quot;&quot;,&quot;caption&quot;:&quot;&quot;,&quot;created_timestamp&quot;:&quot;0&quot;,&quot;copyright&quot;:&quot;&quot;,&quot;focal_length&quot;:&quot;0&quot;,&quot;iso&quot;:&quot;0&quot;,&quot;shutter_speed&quot;:&quot;0&quot;,&quot;title&quot;:&quot;&quot;,&quot;orientation&quot;:&quot;0&quot;}\" data-image-title=\"Capture d\u2019e\u0301cran, le 2025-04-16 a\u0300 11.20.28\" data-image-description=\"\" data-medium-file=\"https:\/\/i0.wp.com\/itayachtscanada.com\/wp-content\/uploads\/2025\/04\/Capture-decran-le-2025-04-16-a-11.20.28.jpg?fit=300%2C198&#038;ssl=1\" data-large-file=\"https:\/\/i0.wp.com\/itayachtscanada.com\/wp-content\/uploads\/2025\/04\/Capture-decran-le-2025-04-16-a-11.20.28.jpg?fit=700%2C462&#038;ssl=1\" src=\"https:\/\/i0.wp.com\/itayachtscanada.com\/wp-content\/uploads\/2025\/04\/Capture-decran-le-2025-04-16-a-11.20.28.jpg?w=346&#038;h=229&#038;ssl=1\" srcset=\"https:\/\/i0.wp.com\/itayachtscanada.com\/wp-content\/uploads\/2025\/04\/Capture-decran-le-2025-04-16-a-11.20.28.jpg?w=1538&amp;ssl=1 1538w, https:\/\/i0.wp.com\/itayachtscanada.com\/wp-content\/uploads\/2025\/04\/Capture-decran-le-2025-04-16-a-11.20.28.jpg?resize=300%2C198&amp;ssl=1 300w, https:\/\/i0.wp.com\/itayachtscanada.com\/wp-content\/uploads\/2025\/04\/Capture-decran-le-2025-04-16-a-11.20.28.jpg?resize=1024%2C676&amp;ssl=1 1024w, https:\/\/i0.wp.com\/itayachtscanada.com\/wp-content\/uploads\/2025\/04\/Capture-decran-le-2025-04-16-a-11.20.28.jpg?resize=768%2C507&amp;ssl=1 768w, https:\/\/i0.wp.com\/itayachtscanada.com\/wp-content\/uploads\/2025\/04\/Capture-decran-le-2025-04-16-a-11.20.28.jpg?resize=1536%2C1015&amp;ssl=1 1536w, https:\/\/i0.wp.com\/itayachtscanada.com\/wp-content\/uploads\/2025\/04\/Capture-decran-le-2025-04-16-a-11.20.28.jpg?resize=700%2C462&amp;ssl=1 700w, https:\/\/i0.wp.com\/itayachtscanada.com\/wp-content\/uploads\/2025\/04\/Capture-decran-le-2025-04-16-a-11.20.28.jpg?resize=606%2C400&amp;ssl=1 606w, https:\/\/i0.wp.com\/itayachtscanada.com\/wp-content\/uploads\/2025\/04\/Capture-decran-le-2025-04-16-a-11.20.28.jpg?w=1400&amp;ssl=1 1400w\" width=\"346\" height=\"229\" loading=\"lazy\" data-original-width=\"346\" data-original-height=\"229\" itemprop=\"http:\/\/schema.org\/image\" title=\"Capture d\u2019e\u0301cran, le 2025-04-16 a\u0300 11.20.28\" alt=\"Capture d\u2019e\u0301cran, le 2025-04-16 a\u0300 11.20.28\" style=\"width: 346px; height: 229px;\" \/> <\/a> <\/div> <\/div> <!-- close group --> <\/div> <!-- close row --> <div class=\"gallery-row\" style=\"width: 700px; height: 155px;\" data-original-width=\"700\" data-original-height=\"155\" > <div class=\"gallery-group images-1\" style=\"width: 234px; height: 155px;\" data-original-width=\"234\" data-original-height=\"155\" > <div class=\"tiled-gallery-item tiled-gallery-item-small\" itemprop=\"associatedMedia\" itemscope itemtype=\"http:\/\/schema.org\/ImageObject\"> <a href=\"https:\/\/itayachtscanada.com\/fr\/listing\/ferretti-670-2022-2950000-usd-a-vendre\/capture-decran-le-2025-04-16-a-11-20-16\/\" border=\"0\" itemprop=\"url\"> <meta itemprop=\"width\" content=\"230\"> <meta itemprop=\"height\" content=\"151\"> <img decoding=\"async\" class=\"\" data-attachment-id=\"218467\" data-orig-file=\"https:\/\/itayachtscanada.com\/wp-content\/uploads\/2025\/04\/Capture-decran-le-2025-04-16-a-11.20.16.jpg\" data-orig-size=\"1538,1016\" data-comments-opened=\"1\" data-image-meta=\"{&quot;aperture&quot;:&quot;0&quot;,&quot;credit&quot;:&quot;&quot;,&quot;camera&quot;:&quot;&quot;,&quot;caption&quot;:&quot;&quot;,&quot;created_timestamp&quot;:&quot;0&quot;,&quot;copyright&quot;:&quot;&quot;,&quot;focal_length&quot;:&quot;0&quot;,&quot;iso&quot;:&quot;0&quot;,&quot;shutter_speed&quot;:&quot;0&quot;,&quot;title&quot;:&quot;&quot;,&quot;orientation&quot;:&quot;0&quot;}\" data-image-title=\"Capture d\u2019e\u0301cran, le 2025-04-16 a\u0300 11.20.16\" data-image-description=\"\" data-medium-file=\"https:\/\/i0.wp.com\/itayachtscanada.com\/wp-content\/uploads\/2025\/04\/Capture-decran-le-2025-04-16-a-11.20.16.jpg?fit=300%2C198&#038;ssl=1\" data-large-file=\"https:\/\/i0.wp.com\/itayachtscanada.com\/wp-content\/uploads\/2025\/04\/Capture-decran-le-2025-04-16-a-11.20.16.jpg?fit=700%2C462&#038;ssl=1\" src=\"https:\/\/i0.wp.com\/itayachtscanada.com\/wp-content\/uploads\/2025\/04\/Capture-decran-le-2025-04-16-a-11.20.16.jpg?w=230&#038;h=151&#038;ssl=1\" srcset=\"https:\/\/i0.wp.com\/itayachtscanada.com\/wp-content\/uploads\/2025\/04\/Capture-decran-le-2025-04-16-a-11.20.16.jpg?w=1538&amp;ssl=1 1538w, https:\/\/i0.wp.com\/itayachtscanada.com\/wp-content\/uploads\/2025\/04\/Capture-decran-le-2025-04-16-a-11.20.16.jpg?resize=300%2C198&amp;ssl=1 300w, https:\/\/i0.wp.com\/itayachtscanada.com\/wp-content\/uploads\/2025\/04\/Capture-decran-le-2025-04-16-a-11.20.16.jpg?resize=1024%2C676&amp;ssl=1 1024w, https:\/\/i0.wp.com\/itayachtscanada.com\/wp-content\/uploads\/2025\/04\/Capture-decran-le-2025-04-16-a-11.20.16.jpg?resize=768%2C507&amp;ssl=1 768w, https:\/\/i0.wp.com\/itayachtscanada.com\/wp-content\/uploads\/2025\/04\/Capture-decran-le-2025-04-16-a-11.20.16.jpg?resize=1536%2C1015&amp;ssl=1 1536w, https:\/\/i0.wp.com\/itayachtscanada.com\/wp-content\/uploads\/2025\/04\/Capture-decran-le-2025-04-16-a-11.20.16.jpg?resize=700%2C462&amp;ssl=1 700w, https:\/\/i0.wp.com\/itayachtscanada.com\/wp-content\/uploads\/2025\/04\/Capture-decran-le-2025-04-16-a-11.20.16.jpg?resize=606%2C400&amp;ssl=1 606w, https:\/\/i0.wp.com\/itayachtscanada.com\/wp-content\/uploads\/2025\/04\/Capture-decran-le-2025-04-16-a-11.20.16.jpg?w=1400&amp;ssl=1 1400w\" width=\"230\" height=\"151\" loading=\"lazy\" data-original-width=\"230\" data-original-height=\"151\" itemprop=\"http:\/\/schema.org\/image\" title=\"Capture d\u2019e\u0301cran, le 2025-04-16 a\u0300 11.20.16\" alt=\"Capture d\u2019e\u0301cran, le 2025-04-16 a\u0300 11.20.16\" style=\"width: 230px; height: 151px;\" \/> <\/a> <\/div> <\/div> <!-- close group --> <div class=\"gallery-group images-1\" style=\"width: 233px; height: 155px;\" data-original-width=\"233\" data-original-height=\"155\" > <div class=\"tiled-gallery-item tiled-gallery-item-small\" itemprop=\"associatedMedia\" itemscope itemtype=\"http:\/\/schema.org\/ImageObject\"> <a href=\"https:\/\/itayachtscanada.com\/fr\/listing\/ferretti-670-2022-2950000-usd-a-vendre\/capture-decran-le-2025-04-16-a-11-20-13\/\" border=\"0\" itemprop=\"url\"> <meta itemprop=\"width\" content=\"229\"> <meta itemprop=\"height\" content=\"151\"> <img decoding=\"async\" class=\"\" data-attachment-id=\"218468\" data-orig-file=\"https:\/\/itayachtscanada.com\/wp-content\/uploads\/2025\/04\/Capture-decran-le-2025-04-16-a-11.20.13.jpg\" data-orig-size=\"1538,1016\" data-comments-opened=\"1\" data-image-meta=\"{&quot;aperture&quot;:&quot;0&quot;,&quot;credit&quot;:&quot;&quot;,&quot;camera&quot;:&quot;&quot;,&quot;caption&quot;:&quot;&quot;,&quot;created_timestamp&quot;:&quot;0&quot;,&quot;copyright&quot;:&quot;&quot;,&quot;focal_length&quot;:&quot;0&quot;,&quot;iso&quot;:&quot;0&quot;,&quot;shutter_speed&quot;:&quot;0&quot;,&quot;title&quot;:&quot;&quot;,&quot;orientation&quot;:&quot;0&quot;}\" data-image-title=\"Capture d\u2019e\u0301cran, le 2025-04-16 a\u0300 11.20.13\" data-image-description=\"\" data-medium-file=\"https:\/\/i0.wp.com\/itayachtscanada.com\/wp-content\/uploads\/2025\/04\/Capture-decran-le-2025-04-16-a-11.20.13.jpg?fit=300%2C198&#038;ssl=1\" data-large-file=\"https:\/\/i0.wp.com\/itayachtscanada.com\/wp-content\/uploads\/2025\/04\/Capture-decran-le-2025-04-16-a-11.20.13.jpg?fit=700%2C462&#038;ssl=1\" src=\"https:\/\/i0.wp.com\/itayachtscanada.com\/wp-content\/uploads\/2025\/04\/Capture-decran-le-2025-04-16-a-11.20.13.jpg?w=229&#038;h=151&#038;ssl=1\" srcset=\"https:\/\/i0.wp.com\/itayachtscanada.com\/wp-content\/uploads\/2025\/04\/Capture-decran-le-2025-04-16-a-11.20.13.jpg?w=1538&amp;ssl=1 1538w, https:\/\/i0.wp.com\/itayachtscanada.com\/wp-content\/uploads\/2025\/04\/Capture-decran-le-2025-04-16-a-11.20.13.jpg?resize=300%2C198&amp;ssl=1 300w, https:\/\/i0.wp.com\/itayachtscanada.com\/wp-content\/uploads\/2025\/04\/Capture-decran-le-2025-04-16-a-11.20.13.jpg?resize=1024%2C676&amp;ssl=1 1024w, https:\/\/i0.wp.com\/itayachtscanada.com\/wp-content\/uploads\/2025\/04\/Capture-decran-le-2025-04-16-a-11.20.13.jpg?resize=768%2C507&amp;ssl=1 768w, https:\/\/i0.wp.com\/itayachtscanada.com\/wp-content\/uploads\/2025\/04\/Capture-decran-le-2025-04-16-a-11.20.13.jpg?resize=1536%2C1015&amp;ssl=1 1536w, https:\/\/i0.wp.com\/itayachtscanada.com\/wp-content\/uploads\/2025\/04\/Capture-decran-le-2025-04-16-a-11.20.13.jpg?resize=700%2C462&amp;ssl=1 700w, https:\/\/i0.wp.com\/itayachtscanada.com\/wp-content\/uploads\/2025\/04\/Capture-decran-le-2025-04-16-a-11.20.13.jpg?resize=606%2C400&amp;ssl=1 606w, https:\/\/i0.wp.com\/itayachtscanada.com\/wp-content\/uploads\/2025\/04\/Capture-decran-le-2025-04-16-a-11.20.13.jpg?w=1400&amp;ssl=1 1400w\" width=\"229\" height=\"151\" loading=\"lazy\" data-original-width=\"229\" data-original-height=\"151\" itemprop=\"http:\/\/schema.org\/image\" title=\"Capture d\u2019e\u0301cran, le 2025-04-16 a\u0300 11.20.13\" alt=\"Capture d\u2019e\u0301cran, le 2025-04-16 a\u0300 11.20.13\" style=\"width: 229px; height: 151px;\" \/> <\/a> <\/div> <\/div> <!-- close group --> <div class=\"gallery-group images-1\" style=\"width: 233px; height: 155px;\" data-original-width=\"233\" data-original-height=\"155\" > <div class=\"tiled-gallery-item tiled-gallery-item-small\" itemprop=\"associatedMedia\" itemscope itemtype=\"http:\/\/schema.org\/ImageObject\"> <a href=\"https:\/\/itayachtscanada.com\/fr\/listing\/ferretti-670-2022-2950000-usd-a-vendre\/capture-decran-le-2025-04-16-a-11-20-09\/\" border=\"0\" itemprop=\"url\"> <meta itemprop=\"width\" content=\"229\"> <meta itemprop=\"height\" content=\"151\"> <img decoding=\"async\" class=\"\" data-attachment-id=\"218469\" data-orig-file=\"https:\/\/itayachtscanada.com\/wp-content\/uploads\/2025\/04\/Capture-decran-le-2025-04-16-a-11.20.09.jpg\" data-orig-size=\"1538,1016\" data-comments-opened=\"1\" data-image-meta=\"{&quot;aperture&quot;:&quot;0&quot;,&quot;credit&quot;:&quot;&quot;,&quot;camera&quot;:&quot;&quot;,&quot;caption&quot;:&quot;&quot;,&quot;created_timestamp&quot;:&quot;0&quot;,&quot;copyright&quot;:&quot;&quot;,&quot;focal_length&quot;:&quot;0&quot;,&quot;iso&quot;:&quot;0&quot;,&quot;shutter_speed&quot;:&quot;0&quot;,&quot;title&quot;:&quot;&quot;,&quot;orientation&quot;:&quot;0&quot;}\" data-image-title=\"Capture d\u2019e\u0301cran, le 2025-04-16 a\u0300 11.20.09\" data-image-description=\"\" data-medium-file=\"https:\/\/i0.wp.com\/itayachtscanada.com\/wp-content\/uploads\/2025\/04\/Capture-decran-le-2025-04-16-a-11.20.09.jpg?fit=300%2C198&#038;ssl=1\" data-large-file=\"https:\/\/i0.wp.com\/itayachtscanada.com\/wp-content\/uploads\/2025\/04\/Capture-decran-le-2025-04-16-a-11.20.09.jpg?fit=700%2C462&#038;ssl=1\" src=\"https:\/\/i0.wp.com\/itayachtscanada.com\/wp-content\/uploads\/2025\/04\/Capture-decran-le-2025-04-16-a-11.20.09.jpg?w=229&#038;h=151&#038;ssl=1\" srcset=\"https:\/\/i0.wp.com\/itayachtscanada.com\/wp-content\/uploads\/2025\/04\/Capture-decran-le-2025-04-16-a-11.20.09.jpg?w=1538&amp;ssl=1 1538w, https:\/\/i0.wp.com\/itayachtscanada.com\/wp-content\/uploads\/2025\/04\/Capture-decran-le-2025-04-16-a-11.20.09.jpg?resize=300%2C198&amp;ssl=1 300w, https:\/\/i0.wp.com\/itayachtscanada.com\/wp-content\/uploads\/2025\/04\/Capture-decran-le-2025-04-16-a-11.20.09.jpg?resize=1024%2C676&amp;ssl=1 1024w, https:\/\/i0.wp.com\/itayachtscanada.com\/wp-content\/uploads\/2025\/04\/Capture-decran-le-2025-04-16-a-11.20.09.jpg?resize=768%2C507&amp;ssl=1 768w, https:\/\/i0.wp.com\/itayachtscanada.com\/wp-content\/uploads\/2025\/04\/Capture-decran-le-2025-04-16-a-11.20.09.jpg?resize=1536%2C1015&amp;ssl=1 1536w, https:\/\/i0.wp.com\/itayachtscanada.com\/wp-content\/uploads\/2025\/04\/Capture-decran-le-2025-04-16-a-11.20.09.jpg?resize=700%2C462&amp;ssl=1 700w, https:\/\/i0.wp.com\/itayachtscanada.com\/wp-content\/uploads\/2025\/04\/Capture-decran-le-2025-04-16-a-11.20.09.jpg?resize=606%2C400&amp;ssl=1 606w, https:\/\/i0.wp.com\/itayachtscanada.com\/wp-content\/uploads\/2025\/04\/Capture-decran-le-2025-04-16-a-11.20.09.jpg?w=1400&amp;ssl=1 1400w\" width=\"229\" height=\"151\" loading=\"lazy\" data-original-width=\"229\" data-original-height=\"151\" itemprop=\"http:\/\/schema.org\/image\" title=\"Capture d\u2019e\u0301cran, le 2025-04-16 a\u0300 11.20.09\" alt=\"Capture d\u2019e\u0301cran, le 2025-04-16 a\u0300 11.20.09\" style=\"width: 229px; height: 151px;\" \/> <\/a> <\/div> <\/div> <!-- close group --> <\/div> <!-- close row --> <div class=\"gallery-row\" style=\"width: 700px; height: 233px;\" data-original-width=\"700\" data-original-height=\"233\" > <div class=\"gallery-group images-1\" style=\"width: 350px; height: 233px;\" data-original-width=\"350\" data-original-height=\"233\" > <div class=\"tiled-gallery-item tiled-gallery-item-large\" itemprop=\"associatedMedia\" itemscope itemtype=\"http:\/\/schema.org\/ImageObject\"> <a href=\"https:\/\/itayachtscanada.com\/fr\/listing\/ferretti-670-2022-2950000-usd-a-vendre\/capture-decran-le-2025-04-16-a-11-20-06\/\" border=\"0\" itemprop=\"url\"> <meta itemprop=\"width\" content=\"346\"> <meta itemprop=\"height\" content=\"229\"> <img decoding=\"async\" class=\"\" data-attachment-id=\"218470\" data-orig-file=\"https:\/\/itayachtscanada.com\/wp-content\/uploads\/2025\/04\/Capture-decran-le-2025-04-16-a-11.20.06.jpg\" data-orig-size=\"1538,1016\" data-comments-opened=\"1\" data-image-meta=\"{&quot;aperture&quot;:&quot;0&quot;,&quot;credit&quot;:&quot;&quot;,&quot;camera&quot;:&quot;&quot;,&quot;caption&quot;:&quot;&quot;,&quot;created_timestamp&quot;:&quot;0&quot;,&quot;copyright&quot;:&quot;&quot;,&quot;focal_length&quot;:&quot;0&quot;,&quot;iso&quot;:&quot;0&quot;,&quot;shutter_speed&quot;:&quot;0&quot;,&quot;title&quot;:&quot;&quot;,&quot;orientation&quot;:&quot;0&quot;}\" data-image-title=\"Capture d\u2019e\u0301cran, le 2025-04-16 a\u0300 11.20.06\" data-image-description=\"\" data-medium-file=\"https:\/\/i0.wp.com\/itayachtscanada.com\/wp-content\/uploads\/2025\/04\/Capture-decran-le-2025-04-16-a-11.20.06.jpg?fit=300%2C198&#038;ssl=1\" data-large-file=\"https:\/\/i0.wp.com\/itayachtscanada.com\/wp-content\/uploads\/2025\/04\/Capture-decran-le-2025-04-16-a-11.20.06.jpg?fit=700%2C462&#038;ssl=1\" src=\"https:\/\/i0.wp.com\/itayachtscanada.com\/wp-content\/uploads\/2025\/04\/Capture-decran-le-2025-04-16-a-11.20.06.jpg?w=346&#038;h=229&#038;ssl=1\" srcset=\"https:\/\/i0.wp.com\/itayachtscanada.com\/wp-content\/uploads\/2025\/04\/Capture-decran-le-2025-04-16-a-11.20.06.jpg?w=1538&amp;ssl=1 1538w, https:\/\/i0.wp.com\/itayachtscanada.com\/wp-content\/uploads\/2025\/04\/Capture-decran-le-2025-04-16-a-11.20.06.jpg?resize=300%2C198&amp;ssl=1 300w, https:\/\/i0.wp.com\/itayachtscanada.com\/wp-content\/uploads\/2025\/04\/Capture-decran-le-2025-04-16-a-11.20.06.jpg?resize=1024%2C676&amp;ssl=1 1024w, https:\/\/i0.wp.com\/itayachtscanada.com\/wp-content\/uploads\/2025\/04\/Capture-decran-le-2025-04-16-a-11.20.06.jpg?resize=768%2C507&amp;ssl=1 768w, https:\/\/i0.wp.com\/itayachtscanada.com\/wp-content\/uploads\/2025\/04\/Capture-decran-le-2025-04-16-a-11.20.06.jpg?resize=1536%2C1015&amp;ssl=1 1536w, https:\/\/i0.wp.com\/itayachtscanada.com\/wp-content\/uploads\/2025\/04\/Capture-decran-le-2025-04-16-a-11.20.06.jpg?resize=700%2C462&amp;ssl=1 700w, https:\/\/i0.wp.com\/itayachtscanada.com\/wp-content\/uploads\/2025\/04\/Capture-decran-le-2025-04-16-a-11.20.06.jpg?resize=606%2C400&amp;ssl=1 606w, https:\/\/i0.wp.com\/itayachtscanada.com\/wp-content\/uploads\/2025\/04\/Capture-decran-le-2025-04-16-a-11.20.06.jpg?w=1400&amp;ssl=1 1400w\" width=\"346\" height=\"229\" loading=\"lazy\" data-original-width=\"346\" data-original-height=\"229\" itemprop=\"http:\/\/schema.org\/image\" title=\"Capture d\u2019e\u0301cran, le 2025-04-16 a\u0300 11.20.06\" alt=\"Capture d\u2019e\u0301cran, le 2025-04-16 a\u0300 11.20.06\" style=\"width: 346px; height: 229px;\" \/> <\/a> <\/div> <\/div> <!-- close group --> <div class=\"gallery-group images-1\" style=\"width: 350px; height: 233px;\" data-original-width=\"350\" data-original-height=\"233\" > <div class=\"tiled-gallery-item tiled-gallery-item-large\" itemprop=\"associatedMedia\" itemscope itemtype=\"http:\/\/schema.org\/ImageObject\"> <a href=\"https:\/\/itayachtscanada.com\/fr\/listing\/ferretti-670-2022-2950000-usd-a-vendre\/capture-decran-le-2025-04-16-a-11-20-03\/\" border=\"0\" itemprop=\"url\"> <meta itemprop=\"width\" content=\"346\"> <meta itemprop=\"height\" content=\"229\"> <img decoding=\"async\" class=\"\" data-attachment-id=\"218471\" data-orig-file=\"https:\/\/itayachtscanada.com\/wp-content\/uploads\/2025\/04\/Capture-decran-le-2025-04-16-a-11.20.03.jpg\" data-orig-size=\"1538,1016\" data-comments-opened=\"1\" data-image-meta=\"{&quot;aperture&quot;:&quot;0&quot;,&quot;credit&quot;:&quot;&quot;,&quot;camera&quot;:&quot;&quot;,&quot;caption&quot;:&quot;&quot;,&quot;created_timestamp&quot;:&quot;0&quot;,&quot;copyright&quot;:&quot;&quot;,&quot;focal_length&quot;:&quot;0&quot;,&quot;iso&quot;:&quot;0&quot;,&quot;shutter_speed&quot;:&quot;0&quot;,&quot;title&quot;:&quot;&quot;,&quot;orientation&quot;:&quot;0&quot;}\" data-image-title=\"Capture d\u2019e\u0301cran, le 2025-04-16 a\u0300 11.20.03\" data-image-description=\"\" data-medium-file=\"https:\/\/i0.wp.com\/itayachtscanada.com\/wp-content\/uploads\/2025\/04\/Capture-decran-le-2025-04-16-a-11.20.03.jpg?fit=300%2C198&#038;ssl=1\" data-large-file=\"https:\/\/i0.wp.com\/itayachtscanada.com\/wp-content\/uploads\/2025\/04\/Capture-decran-le-2025-04-16-a-11.20.03.jpg?fit=700%2C462&#038;ssl=1\" src=\"https:\/\/i0.wp.com\/itayachtscanada.com\/wp-content\/uploads\/2025\/04\/Capture-decran-le-2025-04-16-a-11.20.03.jpg?w=346&#038;h=229&#038;ssl=1\" srcset=\"https:\/\/i0.wp.com\/itayachtscanada.com\/wp-content\/uploads\/2025\/04\/Capture-decran-le-2025-04-16-a-11.20.03.jpg?w=1538&amp;ssl=1 1538w, https:\/\/i0.wp.com\/itayachtscanada.com\/wp-content\/uploads\/2025\/04\/Capture-decran-le-2025-04-16-a-11.20.03.jpg?resize=300%2C198&amp;ssl=1 300w, https:\/\/i0.wp.com\/itayachtscanada.com\/wp-content\/uploads\/2025\/04\/Capture-decran-le-2025-04-16-a-11.20.03.jpg?resize=1024%2C676&amp;ssl=1 1024w, https:\/\/i0.wp.com\/itayachtscanada.com\/wp-content\/uploads\/2025\/04\/Capture-decran-le-2025-04-16-a-11.20.03.jpg?resize=768%2C507&amp;ssl=1 768w, https:\/\/i0.wp.com\/itayachtscanada.com\/wp-content\/uploads\/2025\/04\/Capture-decran-le-2025-04-16-a-11.20.03.jpg?resize=1536%2C1015&amp;ssl=1 1536w, https:\/\/i0.wp.com\/itayachtscanada.com\/wp-content\/uploads\/2025\/04\/Capture-decran-le-2025-04-16-a-11.20.03.jpg?resize=700%2C462&amp;ssl=1 700w, https:\/\/i0.wp.com\/itayachtscanada.com\/wp-content\/uploads\/2025\/04\/Capture-decran-le-2025-04-16-a-11.20.03.jpg?resize=606%2C400&amp;ssl=1 606w, https:\/\/i0.wp.com\/itayachtscanada.com\/wp-content\/uploads\/2025\/04\/Capture-decran-le-2025-04-16-a-11.20.03.jpg?w=1400&amp;ssl=1 1400w\" width=\"346\" height=\"229\" loading=\"lazy\" data-original-width=\"346\" data-original-height=\"229\" itemprop=\"http:\/\/schema.org\/image\" title=\"Capture d\u2019e\u0301cran, le 2025-04-16 a\u0300 11.20.03\" alt=\"Capture d\u2019e\u0301cran, le 2025-04-16 a\u0300 11.20.03\" style=\"width: 346px; height: 229px;\" \/> <\/a> <\/div> <\/div> <!-- close group --> <\/div> <!-- close row --> <div class=\"gallery-row\" style=\"width: 700px; height: 526px;\" data-original-width=\"700\" data-original-height=\"526\" > <div class=\"gallery-group images-1\" style=\"width: 437px; height: 526px;\" data-original-width=\"437\" data-original-height=\"526\" > <div class=\"tiled-gallery-item tiled-gallery-item-large\" itemprop=\"associatedMedia\" itemscope itemtype=\"http:\/\/schema.org\/ImageObject\"> <a href=\"https:\/\/itayachtscanada.com\/fr\/listing\/ferretti-670-2022-2950000-usd-a-vendre\/layout-ferretti-670-flybridge-5\/\" border=\"0\" itemprop=\"url\"> <meta itemprop=\"width\" content=\"433\"> <meta itemprop=\"height\" content=\"522\"> <img decoding=\"async\" class=\"\" data-attachment-id=\"218475\" data-orig-file=\"https:\/\/itayachtscanada.com\/wp-content\/uploads\/2025\/04\/Layout-Ferretti-670-Flybridge.jpg\" data-orig-size=\"1100,1328\" data-comments-opened=\"1\" data-image-meta=\"{&quot;aperture&quot;:&quot;0&quot;,&quot;credit&quot;:&quot;&quot;,&quot;camera&quot;:&quot;&quot;,&quot;caption&quot;:&quot;&quot;,&quot;created_timestamp&quot;:&quot;0&quot;,&quot;copyright&quot;:&quot;&quot;,&quot;focal_length&quot;:&quot;0&quot;,&quot;iso&quot;:&quot;0&quot;,&quot;shutter_speed&quot;:&quot;0&quot;,&quot;title&quot;:&quot;&quot;,&quot;orientation&quot;:&quot;0&quot;}\" data-image-title=\"Layout Ferretti 670 Flybridge\" data-image-description=\"\" data-medium-file=\"https:\/\/i0.wp.com\/itayachtscanada.com\/wp-content\/uploads\/2025\/04\/Layout-Ferretti-670-Flybridge.jpg?fit=248%2C300&#038;ssl=1\" data-large-file=\"https:\/\/i0.wp.com\/itayachtscanada.com\/wp-content\/uploads\/2025\/04\/Layout-Ferretti-670-Flybridge.jpg?fit=700%2C845&#038;ssl=1\" src=\"https:\/\/i0.wp.com\/itayachtscanada.com\/wp-content\/uploads\/2025\/04\/Layout-Ferretti-670-Flybridge.jpg?w=433&#038;h=522&#038;ssl=1\" srcset=\"https:\/\/i0.wp.com\/itayachtscanada.com\/wp-content\/uploads\/2025\/04\/Layout-Ferretti-670-Flybridge.jpg?w=1100&amp;ssl=1 1100w, https:\/\/i0.wp.com\/itayachtscanada.com\/wp-content\/uploads\/2025\/04\/Layout-Ferretti-670-Flybridge.jpg?resize=248%2C300&amp;ssl=1 248w, https:\/\/i0.wp.com\/itayachtscanada.com\/wp-content\/uploads\/2025\/04\/Layout-Ferretti-670-Flybridge.jpg?resize=848%2C1024&amp;ssl=1 848w, https:\/\/i0.wp.com\/itayachtscanada.com\/wp-content\/uploads\/2025\/04\/Layout-Ferretti-670-Flybridge.jpg?resize=768%2C927&amp;ssl=1 768w, https:\/\/i0.wp.com\/itayachtscanada.com\/wp-content\/uploads\/2025\/04\/Layout-Ferretti-670-Flybridge.jpg?resize=700%2C845&amp;ssl=1 700w, https:\/\/i0.wp.com\/itayachtscanada.com\/wp-content\/uploads\/2025\/04\/Layout-Ferretti-670-Flybridge.jpg?resize=331%2C400&amp;ssl=1 331w\" width=\"433\" height=\"522\" loading=\"lazy\" data-original-width=\"433\" data-original-height=\"522\" itemprop=\"http:\/\/schema.org\/image\" title=\"Layout Ferretti 670 Flybridge\" alt=\"Layout Ferretti 670 Fly\" style=\"width: 433px; height: 522px;\" \/> <\/a> <div class=\"tiled-gallery-caption\" itemprop=\"caption description\"> Layout Ferretti 670 Fly <\/div> <\/div> <\/div> <!-- close group --> <div class=\"gallery-group images-3\" style=\"width: 263px; height: 526px;\" data-original-width=\"263\" data-original-height=\"526\" > <div class=\"tiled-gallery-item tiled-gallery-item-large\" itemprop=\"associatedMedia\" itemscope itemtype=\"http:\/\/schema.org\/ImageObject\"> <a href=\"https:\/\/itayachtscanada.com\/fr\/listing\/ferretti-670-2022-2950000-usd-a-vendre\/capture-decran-le-2025-04-16-a-11-19-55\/\" border=\"0\" itemprop=\"url\"> <meta itemprop=\"width\" content=\"259\"> <meta itemprop=\"height\" content=\"172\"> <img decoding=\"async\" class=\"\" data-attachment-id=\"218473\" data-orig-file=\"https:\/\/itayachtscanada.com\/wp-content\/uploads\/2025\/04\/Capture-decran-le-2025-04-16-a-11.19.55.jpg\" data-orig-size=\"1538,1016\" data-comments-opened=\"1\" data-image-meta=\"{&quot;aperture&quot;:&quot;0&quot;,&quot;credit&quot;:&quot;&quot;,&quot;camera&quot;:&quot;&quot;,&quot;caption&quot;:&quot;&quot;,&quot;created_timestamp&quot;:&quot;0&quot;,&quot;copyright&quot;:&quot;&quot;,&quot;focal_length&quot;:&quot;0&quot;,&quot;iso&quot;:&quot;0&quot;,&quot;shutter_speed&quot;:&quot;0&quot;,&quot;title&quot;:&quot;&quot;,&quot;orientation&quot;:&quot;0&quot;}\" data-image-title=\"Capture d\u2019e\u0301cran, le 2025-04-16 a\u0300 11.19.55\" data-image-description=\"\" data-medium-file=\"https:\/\/i0.wp.com\/itayachtscanada.com\/wp-content\/uploads\/2025\/04\/Capture-decran-le-2025-04-16-a-11.19.55.jpg?fit=300%2C198&#038;ssl=1\" data-large-file=\"https:\/\/i0.wp.com\/itayachtscanada.com\/wp-content\/uploads\/2025\/04\/Capture-decran-le-2025-04-16-a-11.19.55.jpg?fit=700%2C462&#038;ssl=1\" src=\"https:\/\/i0.wp.com\/itayachtscanada.com\/wp-content\/uploads\/2025\/04\/Capture-decran-le-2025-04-16-a-11.19.55.jpg?w=259&#038;h=172&#038;ssl=1\" srcset=\"https:\/\/i0.wp.com\/itayachtscanada.com\/wp-content\/uploads\/2025\/04\/Capture-decran-le-2025-04-16-a-11.19.55.jpg?w=1538&amp;ssl=1 1538w, https:\/\/i0.wp.com\/itayachtscanada.com\/wp-content\/uploads\/2025\/04\/Capture-decran-le-2025-04-16-a-11.19.55.jpg?resize=300%2C198&amp;ssl=1 300w, https:\/\/i0.wp.com\/itayachtscanada.com\/wp-content\/uploads\/2025\/04\/Capture-decran-le-2025-04-16-a-11.19.55.jpg?resize=1024%2C676&amp;ssl=1 1024w, https:\/\/i0.wp.com\/itayachtscanada.com\/wp-content\/uploads\/2025\/04\/Capture-decran-le-2025-04-16-a-11.19.55.jpg?resize=768%2C507&amp;ssl=1 768w, https:\/\/i0.wp.com\/itayachtscanada.com\/wp-content\/uploads\/2025\/04\/Capture-decran-le-2025-04-16-a-11.19.55.jpg?resize=1536%2C1015&amp;ssl=1 1536w, https:\/\/i0.wp.com\/itayachtscanada.com\/wp-content\/uploads\/2025\/04\/Capture-decran-le-2025-04-16-a-11.19.55.jpg?resize=700%2C462&amp;ssl=1 700w, https:\/\/i0.wp.com\/itayachtscanada.com\/wp-content\/uploads\/2025\/04\/Capture-decran-le-2025-04-16-a-11.19.55.jpg?resize=900%2C600&amp;ssl=1 900w, https:\/\/i0.wp.com\/itayachtscanada.com\/wp-content\/uploads\/2025\/04\/Capture-decran-le-2025-04-16-a-11.19.55.jpg?resize=606%2C400&amp;ssl=1 606w, https:\/\/i0.wp.com\/itayachtscanada.com\/wp-content\/uploads\/2025\/04\/Capture-decran-le-2025-04-16-a-11.19.55.jpg?w=1400&amp;ssl=1 1400w\" width=\"259\" height=\"172\" loading=\"lazy\" data-original-width=\"259\" data-original-height=\"172\" itemprop=\"http:\/\/schema.org\/image\" title=\"Capture d\u2019e\u0301cran, le 2025-04-16 a\u0300 11.19.55\" alt=\"Capture d\u2019e\u0301cran, le 2025-04-16 a\u0300 11.19.55\" style=\"width: 259px; height: 172px;\" \/> <\/a> <\/div> <div class=\"tiled-gallery-item tiled-gallery-item-large\" itemprop=\"associatedMedia\" itemscope itemtype=\"http:\/\/schema.org\/ImageObject\"> <a href=\"https:\/\/itayachtscanada.com\/fr\/listing\/ferretti-670-2022-2950000-usd-a-vendre\/capture-decran-le-2025-04-16-a-11-19-59\/\" border=\"0\" itemprop=\"url\"> <meta itemprop=\"width\" content=\"259\"> <meta itemprop=\"height\" content=\"171\"> <img decoding=\"async\" class=\"\" data-attachment-id=\"218472\" data-orig-file=\"https:\/\/itayachtscanada.com\/wp-content\/uploads\/2025\/04\/Capture-decran-le-2025-04-16-a-11.19.59.jpg\" data-orig-size=\"1538,1016\" data-comments-opened=\"1\" data-image-meta=\"{&quot;aperture&quot;:&quot;0&quot;,&quot;credit&quot;:&quot;&quot;,&quot;camera&quot;:&quot;&quot;,&quot;caption&quot;:&quot;&quot;,&quot;created_timestamp&quot;:&quot;0&quot;,&quot;copyright&quot;:&quot;&quot;,&quot;focal_length&quot;:&quot;0&quot;,&quot;iso&quot;:&quot;0&quot;,&quot;shutter_speed&quot;:&quot;0&quot;,&quot;title&quot;:&quot;&quot;,&quot;orientation&quot;:&quot;0&quot;}\" data-image-title=\"Capture d\u2019e\u0301cran, le 2025-04-16 a\u0300 11.19.59\" data-image-description=\"\" data-medium-file=\"https:\/\/i0.wp.com\/itayachtscanada.com\/wp-content\/uploads\/2025\/04\/Capture-decran-le-2025-04-16-a-11.19.59.jpg?fit=300%2C198&#038;ssl=1\" data-large-file=\"https:\/\/i0.wp.com\/itayachtscanada.com\/wp-content\/uploads\/2025\/04\/Capture-decran-le-2025-04-16-a-11.19.59.jpg?fit=700%2C462&#038;ssl=1\" src=\"https:\/\/i0.wp.com\/itayachtscanada.com\/wp-content\/uploads\/2025\/04\/Capture-decran-le-2025-04-16-a-11.19.59.jpg?w=259&#038;h=171&#038;ssl=1\" srcset=\"https:\/\/i0.wp.com\/itayachtscanada.com\/wp-content\/uploads\/2025\/04\/Capture-decran-le-2025-04-16-a-11.19.59.jpg?w=1538&amp;ssl=1 1538w, https:\/\/i0.wp.com\/itayachtscanada.com\/wp-content\/uploads\/2025\/04\/Capture-decran-le-2025-04-16-a-11.19.59.jpg?resize=300%2C198&amp;ssl=1 300w, https:\/\/i0.wp.com\/itayachtscanada.com\/wp-content\/uploads\/2025\/04\/Capture-decran-le-2025-04-16-a-11.19.59.jpg?resize=1024%2C676&amp;ssl=1 1024w, https:\/\/i0.wp.com\/itayachtscanada.com\/wp-content\/uploads\/2025\/04\/Capture-decran-le-2025-04-16-a-11.19.59.jpg?resize=768%2C507&amp;ssl=1 768w, https:\/\/i0.wp.com\/itayachtscanada.com\/wp-content\/uploads\/2025\/04\/Capture-decran-le-2025-04-16-a-11.19.59.jpg?resize=1536%2C1015&amp;ssl=1 1536w, https:\/\/i0.wp.com\/itayachtscanada.com\/wp-content\/uploads\/2025\/04\/Capture-decran-le-2025-04-16-a-11.19.59.jpg?resize=700%2C462&amp;ssl=1 700w, https:\/\/i0.wp.com\/itayachtscanada.com\/wp-content\/uploads\/2025\/04\/Capture-decran-le-2025-04-16-a-11.19.59.jpg?resize=606%2C400&amp;ssl=1 606w, https:\/\/i0.wp.com\/itayachtscanada.com\/wp-content\/uploads\/2025\/04\/Capture-decran-le-2025-04-16-a-11.19.59.jpg?w=1400&amp;ssl=1 1400w\" width=\"259\" height=\"171\" loading=\"lazy\" data-original-width=\"259\" data-original-height=\"171\" itemprop=\"http:\/\/schema.org\/image\" title=\"Capture d\u2019e\u0301cran, le 2025-04-16 a\u0300 11.19.59\" alt=\"Capture d\u2019e\u0301cran, le 2025-04-16 a\u0300 11.19.59\" style=\"width: 259px; height: 171px;\" \/> <\/a> <\/div> <div class=\"tiled-gallery-item tiled-gallery-item-large\" itemprop=\"associatedMedia\" itemscope itemtype=\"http:\/\/schema.org\/ImageObject\"> <a href=\"https:\/\/itayachtscanada.com\/fr\/listing\/ferretti-670-2022-2950000-usd-a-vendre\/capture-decran-le-2025-04-16-a-11-19-18\/\" border=\"0\" itemprop=\"url\"> <meta itemprop=\"width\" content=\"259\"> <meta itemprop=\"height\" content=\"171\"> <img decoding=\"async\" class=\"\" data-attachment-id=\"218474\" data-orig-file=\"https:\/\/itayachtscanada.com\/wp-content\/uploads\/2025\/04\/Capture-decran-le-2025-04-16-a-11.19.18.jpg\" data-orig-size=\"1538,1016\" data-comments-opened=\"1\" data-image-meta=\"{&quot;aperture&quot;:&quot;0&quot;,&quot;credit&quot;:&quot;&quot;,&quot;camera&quot;:&quot;&quot;,&quot;caption&quot;:&quot;&quot;,&quot;created_timestamp&quot;:&quot;0&quot;,&quot;copyright&quot;:&quot;&quot;,&quot;focal_length&quot;:&quot;0&quot;,&quot;iso&quot;:&quot;0&quot;,&quot;shutter_speed&quot;:&quot;0&quot;,&quot;title&quot;:&quot;&quot;,&quot;orientation&quot;:&quot;0&quot;}\" data-image-title=\"Capture d\u2019e\u0301cran, le 2025-04-16 a\u0300 11.19.18\" data-image-description=\"\" data-medium-file=\"https:\/\/i0.wp.com\/itayachtscanada.com\/wp-content\/uploads\/2025\/04\/Capture-decran-le-2025-04-16-a-11.19.18.jpg?fit=300%2C198&#038;ssl=1\" data-large-file=\"https:\/\/i0.wp.com\/itayachtscanada.com\/wp-content\/uploads\/2025\/04\/Capture-decran-le-2025-04-16-a-11.19.18.jpg?fit=700%2C462&#038;ssl=1\" src=\"https:\/\/i0.wp.com\/itayachtscanada.com\/wp-content\/uploads\/2025\/04\/Capture-decran-le-2025-04-16-a-11.19.18.jpg?w=259&#038;h=171&#038;ssl=1\" srcset=\"https:\/\/i0.wp.com\/itayachtscanada.com\/wp-content\/uploads\/2025\/04\/Capture-decran-le-2025-04-16-a-11.19.18.jpg?w=1538&amp;ssl=1 1538w, https:\/\/i0.wp.com\/itayachtscanada.com\/wp-content\/uploads\/2025\/04\/Capture-decran-le-2025-04-16-a-11.19.18.jpg?resize=300%2C198&amp;ssl=1 300w, https:\/\/i0.wp.com\/itayachtscanada.com\/wp-content\/uploads\/2025\/04\/Capture-decran-le-2025-04-16-a-11.19.18.jpg?resize=1024%2C676&amp;ssl=1 1024w, https:\/\/i0.wp.com\/itayachtscanada.com\/wp-content\/uploads\/2025\/04\/Capture-decran-le-2025-04-16-a-11.19.18.jpg?resize=768%2C507&amp;ssl=1 768w, https:\/\/i0.wp.com\/itayachtscanada.com\/wp-content\/uploads\/2025\/04\/Capture-decran-le-2025-04-16-a-11.19.18.jpg?resize=1536%2C1015&amp;ssl=1 1536w, https:\/\/i0.wp.com\/itayachtscanada.com\/wp-content\/uploads\/2025\/04\/Capture-decran-le-2025-04-16-a-11.19.18.jpg?resize=700%2C462&amp;ssl=1 700w, https:\/\/i0.wp.com\/itayachtscanada.com\/wp-content\/uploads\/2025\/04\/Capture-decran-le-2025-04-16-a-11.19.18.jpg?resize=606%2C400&amp;ssl=1 606w, https:\/\/i0.wp.com\/itayachtscanada.com\/wp-content\/uploads\/2025\/04\/Capture-decran-le-2025-04-16-a-11.19.18.jpg?w=1400&amp;ssl=1 1400w\" width=\"259\" height=\"171\" loading=\"lazy\" data-original-width=\"259\" data-original-height=\"171\" itemprop=\"http:\/\/schema.org\/image\" title=\"Capture d\u2019e\u0301cran, le 2025-04-16 a\u0300 11.19.18\" alt=\"Capture d\u2019e\u0301cran, le 2025-04-16 a\u0300 11.19.18\" style=\"width: 259px; height: 171px;\" \/> <\/a> <\/div> <\/div> <!-- close group --> <\/div> <!-- close row --> <\/div>\n<div class=\"jetpack-video-wrapper\"><span class=\"embed-youtube\" style=\"text-align:center; display: block;\"><iframe loading=\"lazy\" class=\"youtube-player\" width=\"700\" height=\"394\" src=\"https:\/\/www.youtube.com\/embed\/EskORvUJzq8?version=3&#038;rel=1&#038;showsearch=0&#038;showinfo=1&#038;iv_load_policy=1&#038;fs=1&#038;hl=fr-FR&#038;autohide=2&#038;wmode=transparent\" allowfullscreen=\"true\" style=\"border:0;\" sandbox=\"allow-scripts allow-same-origin allow-popups allow-presentation allow-popups-to-escape-sandbox\"><\/iframe><\/span><\/div>\n<div class=\"jetpack-video-wrapper\"><span class=\"embed-youtube\" style=\"text-align:center; display: block;\"><iframe loading=\"lazy\" class=\"youtube-player\" width=\"700\" height=\"394\" src=\"https:\/\/www.youtube.com\/embed\/UlS_vAYgcTM?version=3&#038;rel=1&#038;showsearch=0&#038;showinfo=1&#038;iv_load_policy=1&#038;fs=1&#038;hl=fr-FR&#038;autohide=2&#038;wmode=transparent\" allowfullscreen=\"true\" style=\"border:0;\" sandbox=\"allow-scripts allow-same-origin allow-popups allow-presentation allow-popups-to-escape-sandbox\"><\/iframe><\/span><\/div>\n<div class=\"jetpack-video-wrapper\"><span class=\"embed-youtube\" style=\"text-align:center; display: block;\"><iframe loading=\"lazy\" class=\"youtube-player\" width=\"700\" height=\"394\" src=\"https:\/\/www.youtube.com\/embed\/ZYqwODPO5Jk?version=3&#038;rel=1&#038;showsearch=0&#038;showinfo=1&#038;iv_load_policy=1&#038;fs=1&#038;hl=fr-FR&#038;autohide=2&#038;wmode=transparent\" allowfullscreen=\"true\" style=\"border:0;\" sandbox=\"allow-scripts allow-same-origin allow-popups allow-presentation allow-popups-to-escape-sandbox\"><\/iframe><\/span><\/div>\n<p><strong>Ita Yachts Canada propose de vous assister et de voir \u00e0 vos int\u00e9r\u00eats pour l\u2019achat de ce yacht qui est \u00e0 vendre par une autre organisation. Nous serons pr\u00e9sents lors de l\u2019inspection et tout au long de la transaction et ce peu importe sa localisation. L\u2019\u00e9quipe d\u2019Ita Yachts Canada se soumet au plus haut standard d\u2019\u00e9thique.<\/strong><\/p>\n<\/div>\n<div><\/div>\n<div>Caract\u00e9ristiques:<\/div>\n<div>Gyro stabilisateur<br \/>\nLumi\u00e8res d&rsquo;ambiance<br \/>\nLumi\u00e8res : \u00c9tanch\u00e9it\u00e9 de l&rsquo;escalier du cockpit au fly<br \/>\n\u00c9clairage des trottoirs ext\u00e9rieurs<br \/>\nLave-linge Miele<br \/>\nS\u00e8che-linge Miele 60Hz<br \/>\nDispositif de levage \u00e9lectrique pour TV 37&Prime;-42&Prime;<br \/>\nTV 40&Prime; dans la cabine principale<br \/>\nTV 40&Prime; dans le salon<br \/>\nTV 32&Prime; dans la cabine VIP<br \/>\nPilote automatique Simrad : Clavier de commande OP12<br \/>\nAm\u00e9lioration de l&rsquo;\u00e9cran Simrad au poste de pilotage principal et au flybridge<br \/>\nParquet sur mesure pour le pont principal<br \/>\nParois de douche dans la salle de bain principale en Florim<br \/>\nTable sur le fly en teck peint<br \/>\nTapis du pont inf\u00e9rieur<br \/>\nCoussins ext\u00e9rieurs en diamant<br \/>\nAntenne TV SAT HD7 Triamericas<br \/>\nD\u00f4me vide pour KVH TV6<br \/>\nR\u00e9frig\u00e9rateur (50 L) sur le flybridge<br \/>\nTaud avec poteaux en carbone pour la d\u00eenette d&rsquo;\u00e9trave avec poteaux en carbone pour la d\u00eenette de proue<br \/>\nEnrouleur de c\u00e2ble automatique et t\u00e9l\u00e9commande<br \/>\nSi\u00e8ge pilote en cuir<br \/>\nFusion A\/V upgrade on external areas<br \/>\n3kg gelcoat<br \/>\nMeubles autoportants sur le fly<br \/>\nPasserelle \u00e9lectrohydraulique r\u00e9tractable<br \/>\nChaise suppl\u00e9mentaire dans le cockpit<br \/>\nChaise dans la cabine principale<br \/>\nSellerie en simili-cuir pour le poste de pilotage principal<br \/>\nDessalinisateur r\u00e9cup\u00e9rateur d&rsquo;eau de mer Aqua Matic 700- 1<br \/>\nDouche confort \u00e0 la poupe<br \/>\nCartographie Navionics XL9 s\u00e9rie \u00ab\u00a0GOLD\u00a0\u00bb<br \/>\nSyst\u00e8me d&rsquo;auto-identification r\u00e9cepteur AIS SIMRAD NAIS500<br \/>\nHaut-parleurs ext\u00e9rieurs peints<br \/>\nSyst\u00e8me A\/V Fusion dans les cabines<br \/>\nPoste de commande fixe avec couvercle<br \/>\nTable en teck peinte dans le cockpit<br \/>\nLinge de lit (fourniture iconique G&amp;M)<br \/>\nSyst\u00e8me A\/V du salon Yamaha 5+1 avec haut-parleurs Gallo Acustic<br \/>\nMachine \u00e0 gla\u00e7ons Raritan connect\u00e9e au r\u00e9servoir d&rsquo;eau<br \/>\nPorte-gobelets sous la table de cockpit rabattable<br \/>\nNouveau meuble design derri\u00e8re le si\u00e8ge du gouvernail principal<br \/>\nTable de salle \u00e0 manger du salon avec plateau en verre peint<\/div>\n<div>Meuble de salon \u00e0 b\u00e2bord Dekton Edora top<br \/>\nPeinture noire de l&rsquo;antenne VHF n1<br \/>\nPonts lat\u00e9raux et proue en teck<br \/>\nModification du canap\u00e9 du salon pour une assise plus confortable<br \/>\nCouvercle d&rsquo;\u00e9vier \u00e0 utiliser comme planche \u00e0 d\u00e9couper : bois<br \/>\nRampe pour escalier de quartier d&rsquo;\u00e9quipage (2)<br \/>\nPremi\u00e8re marche biseaut\u00e9e de la barre principale au pont inf\u00e9rieur<br \/>\n\u00c9tag\u00e8re suppl\u00e9mentaire dans le placard de la cabine double<br \/>\nTiroir suppl\u00e9mentaire dans le studio principal<br \/>\nRev\u00eatement ext\u00e9rieur<br \/>\nCanap\u00e9 de la cabine principale : cuir Nuvola 179 Lino et si\u00e8ges en C&amp;C Milano<br \/>\nCanap\u00e9 dinette : cuir Nuvola 179 Lino et si\u00e8ges en C&amp;C Milano<br \/>\nPropulseur d&rsquo;\u00e9trave proportionnel<br \/>\nCanap\u00e9 principal<br \/>\nDessus de cuisine<br \/>\nToile<br \/>\nMoteur MAN 1200 HP<br \/>\nDessus sans housse<br \/>\nTreuil d&rsquo;amarrage<br \/>\n\u00c9clairage sous-marin x 4<br \/>\nPlancher en teck sur le fly<br \/>\nTeck sur le spoiler<br \/>\nS\u00e9parateur de fum\u00e9e pour le groupe \u00e9lectrog\u00e8ne. &#8211; chaque (4-19KW) 2&Prime;<br \/>\nStore \u00e0 enroulement dans la cabine VIP\/invit\u00e9s &#8211; chaque<br \/>\nLave-vaisselle (capacit\u00e9 6 pax)<br \/>\nMachine \u00e0 gla\u00e7ons Raritan connect\u00e9e au r\u00e9servoir d&rsquo;eau dans le cockpit<br \/>\nPrise d&rsquo;eau douce de quai<br \/>\nPorte d&rsquo;acc\u00e8s \u00e9tanche de la zone \u00e9quipage \u00e0 la salle des machines<br \/>\nPoubelle dans le cockpit<br \/>\nGril Gaggenau sur le fly bridge<br \/>\nRad\u00f4me<br \/>\nTables d&rsquo;\u00e9trave convertibles en bain de soleil<\/div>\n<div><\/div>\n<div><\/div>\n<\/div>\n<\/div>\n<\/div>\n<\/div>\n<\/div>\n<\/div>\n<\/div>\n<\/div>\n<\/div>\n<div>\n<div class=\"html-content-description\">\n<p><strong><span style=\"color: black;\">AVIS DE NON-RESPONSABILIT\u00c9<\/span><\/strong><\/p>\n<p><strong><span style=\"color: black; font-weight: normal;\">Le bateau qui est pr\u00e9sent\u00e9 sur cette page, l\u2019est uniquement \u00e0 titre d\u2019information et n\u2019est pas n\u00e9cessairement toujours disponible \u00e0 la vente et\/ou \u00e0 la location.<\/span><\/strong><span class=\"apple-converted-space\"><b><span style=\"color: black;\">\u00a0<\/span><\/b><\/span><strong><span style=\"color: black; font-weight: normal;\">Ce bateau est peut-\u00eatre offert sous r\u00e9serve, il faut v\u00e9rifier sa disponibilit\u00e9.<\/span><\/strong><span class=\"apple-converted-space\"><b><span style=\"color: black;\">\u00a0<\/span><\/b><\/span><strong><span style=\"color: black; font-weight: normal;\">\u00a0Ce document ou cette annonce n\u2019est pas contractuel. Les informations sur les bateaux affich\u00e9es dans les r\u00e9sultats ci-dessus sont pr\u00e9sent\u00e9es en toute bonne foi et, bien qu\u2019elles soient consid\u00e9r\u00e9es comme correctes, elles ne sont pas garanties. Ita Yachts Canada ne garantit pas et n\u2019assume aucune responsabilit\u00e9 l\u00e9gale ou responsabilit\u00e9 pour l\u2019exactitude, l\u2019exhaustivit\u00e9 ou l\u2019utilit\u00e9 des informations et\/ou des images affich\u00e9es, car elles peuvent ne pas \u00eatre \u00e0 jour ou encore \u00eatres des images d\u2019un bateau comparable. Toutes les informations sur les bateaux peuvent \u00eatre modifi\u00e9es sans pr\u00e9avis et sont sans garantie.<\/span><\/strong><span class=\"apple-converted-space\"><b><span style=\"color: black;\">\u00a0<\/span><\/b><\/span><strong><span style=\"color: black; font-weight: normal;\">Ce bateau est peut-\u00eatre offert par un autre courtier ouvert au co-courtage (co-brokerage).<\/span><\/strong><\/p>\n<div data-test='contact-form'\n\t\t\tid='contact-form-218430'\n\t\t\tclass='jetpack-contact-form-container '\n\t\t\tdata-wp-interactive='jetpack\/form' data-wp-context='{\"formId\":\"218430\",\"formHash\":\"497ec294c47a2083dd552b86367f694842e548d8\",\"showErrors\":false,\"errors\":[],\"fields\":[],\"isMultiStep\":false,\"useAjax\":false,\"submissionData\":null,\"formattedSubmissionData\":[],\"submissionSuccess\":false,\"submissionError\":null,\"elementId\":\"jp-form-497ec294c47a2083dd552b86367f694842e548d8\",\"isSingleInputForm\":false,\"isForcedHorizontal\":false}'\n\t\t\tdata-wp-watch--scroll-to-wrapper=\"callbacks.scrollToWrapper\"\n\t\t>\n<div class=\"contact-form-submission contact-form-ajax-submission\" data-wp-bind--aria-hidden=\"state.isSuccessMessageAriaHidden\" data-wp-class--submission-success=\"context.submissionSuccess\" id=\"contact-form-success-497ec294c47a2083dd552b86367f694842e548d8\" tabindex=\"-1\" aria-labelledby=\"contact-form-success-header-497ec294c47a2083dd552b86367f694842e548d8\"><p class=\"go-back-message\"><a class=\"link\" role=\"button\" tabindex=\"0\" data-wp-on--click=\"actions.goBack\" href=\"\/fr\/wp-json\/wp\/v2\/listing\/218430\">\u2190 Retour<\/a><\/p><h4 data-wp-bind--aria-hidden=\"state.isSuccessMessageAriaHidden\" id=\"contact-form-success-header-497ec294c47a2083dd552b86367f694842e548d8\">Merci pour votre r\u00e9ponse. \u2728<\/h4>\n\n<template data-wp-each--submission=\"context.formattedSubmissionData\">\n\t\t\t\t\t<div class=\"jetpack_forms_contact-form-success-summary\">\n\t\t\t\t\t\t<div class=\"field-name-wrapper\">\n\t\t\t\t\t\t\t<div class=\"field-type-icon\" data-wp-watch=\"callbacks.watchFieldTypeIcon\"><\/div>\n\t\t\t\t\t\t\t<div class=\"field-name\" data-wp-text=\"context.submission.label\" data-wp-bind--hidden=\"!context.submission.label\"><\/div>\n\t\t\t\t\t\t<\/div>\n\t\t\t\t\t\t<div class=\"field-value\" data-wp-text=\"context.submission.value\" data-wp-bind--hidden=\"!context.submission.showPlainValue\"><\/div>\n\t\t\t\t\t\t<a class=\"field-url\" data-wp-bind--href=\"context.submission.url\" data-wp-text=\"context.submission.value\" data-wp-bind--hidden=\"!context.submission.url\" target=\"_blank\" rel=\"noopener noreferrer\"><\/a>\n\t\t\t\t\t\t<div class=\"field-rating\" data-wp-bind--hidden=\"!context.submission.rating\" data-wp-watch=\"callbacks.watchRatingIcons\"><\/div>\n\t\t\t\t\t\t<div class=\"field-images\" data-wp-bind--hidden=\"!context.submission.images\">\n\t\t\t\t\t\t\t<template data-wp-each--image=\"context.submission.images\">\n\t\t\t\t\t\t\t\t<div class=\"field-image-option\" data-wp-class--is-empty=\"!context.image.src\">\n\t\t\t\t\t\t\t\t\t<figure class=\"field-image-option__image\" data-wp-class--is-empty=\"!context.image.src\">\n\t\t\t\t\t\t\t\t\t\t<img data-wp-bind--src=\"context.image.src\" data-wp-bind--hidden=\"!context.image.src\" \/>\n\t\t\t\t\t\t\t\t\t\t<img decoding=\"async\" src=\"data:image\/gif;base64,R0lGODlhAQABAAD\/ACwAAAAAAQABAAACADs=\" data-wp-bind--hidden=\"context.image.src\" \/>\n\t\t\t\t\t\t\t\t\t<\/figure>\n\t\t\t\t\t\t\t\t\t<div class=\"field-image-option__label-wrapper\">\n\t\t\t\t\t\t\t\t\t\t<span class=\"field-image-option__label-code\" data-wp-text=\"context.image.letterCode\"><\/span>\n\t\t\t\t\t\t\t\t\t\t<span class=\"field-image-option__label\" data-wp-text=\"context.image.label\" data-wp-bind--hidden=\"!context.image.label\"><\/span>\n\t\t\t\t\t\t\t\t\t<\/div>\n\t\t\t\t\t\t\t\t<\/div>\n\t\t\t\t\t\t\t<\/template>\n\t\t\t\t\t\t<\/div>\n\t\t\t\t\t\t<div class=\"field-files\" data-wp-bind--hidden=\"!context.submission.files\">\n\t\t\t\t\t\t\t<template data-wp-each--file=\"context.submission.files\">\n\t\t\t\t\t\t\t\t<div class=\"field-file\">\n\t\t\t\t\t\t\t\t\t<div class=\"field-file__thumbnail\" data-wp-style--background-image=\"context.file.previewUrl\" data-wp-style--mask-image=\"context.file.iconUrl\" data-wp-bind--hidden=\"!context.file.hasPreview\"><\/div>\n\t\t\t\t\t\t\t\t\t<svg class=\"field-file__icon\" data-wp-bind--hidden=\"context.file.hasPreview\" width=\"20\" height=\"20\" viewBox=\"0 0 24 24\" fill=\"none\" xmlns=\"http:\/\/www.w3.org\/2000\/svg\" aria-hidden=\"true\">\n\t\t\t\t\t\t\t\t\t\t<path d=\"M14 2H6C4.9 2 4 2.9 4 4V20C4 21.1 4.89 22 5.99 22H18C19.1 22 20 21.1 20 20V8L14 2ZM18 20H6V4H13V9H18V20Z\" fill=\"currentColor\"\/>\n\t\t\t\t\t\t\t\t\t<\/svg>\n\t\t\t\t\t\t\t\t\t<span class=\"field-file__name\" data-wp-text=\"context.file.name\"><\/span>\n\t\t\t\t\t\t\t\t\t<span class=\"field-file__size\" data-wp-text=\"context.file.size\"><\/span>\n\t\t\t\t\t\t\t\t<\/div>\n\t\t\t\t\t\t\t<\/template>\n\t\t\t\t\t\t<\/div>\n\t\t\t\t\t<\/div>\n\t\t\t\t<\/template><\/div><form action='https:\/\/itayachtscanada.com\/fr\/listing\/ferretti-670-2022-2950000-usd-a-vendre\/'\n\t\t\t\tid='jp-form-497ec294c47a2083dd552b86367f694842e548d8'\n\t\t\t\tmethod='post'\n\t\t\t\tclass='contact-form commentsblock jetpack-contact-form__form has-no-jetpack-form-layout' aria-label=\"{:en}Ferretti 670 2022 $2,799,500 usd for sale{:}{:fr}Ferretti 670 2022 $2,799,500 usd \u00e0 vendre{:}\"\n\t\t\t\tdata-wp-on--submit=\"actions.onFormSubmit\"\n\t\t\t\tdata-wp-on--reset=\"actions.onFormReset\"\n\t\t\t\tdata-wp-class--submission-success=\"context.submissionSuccess\"\n\t\t\t\tdata-wp-class--is-first-step=\"state.isFirstStep\"\n\t\t\t\tdata-wp-class--is-last-step=\"state.isLastStep\"\n\t\t\t\tdata-wp-class--is-ajax-form=\"context.useAjax\"\n\t\t\t\tnovalidate >\n<input type='hidden' name='jetpack_contact_form_jwt' value='eyJ0eXAiOiJKV1QiLCJhbGciOiJIUzI1NiJ9.eyJlbmNyeXB0ZWRfYXR0cmlidXRlcyI6ImFVazlQT1BOYkFJV2Nuc3VTckdGa25hNFJUS1BiYnNES2hDR2I5b3Y3K3V1MjByRmFMUFBzMENUbFp3dEREbGlGem1mc0FBWVpsenNVT3lDSFlwN0cwTkVkWWMzalJNWUhRYkJ3SHI3MVVrVXNETjhvUDJpbHJQUVFSZWhHRkpnaFJEL013WUJUSWZMdThkYWdrNjgxL1NmYnJFeTFNcVdHYjBZVXRSSjdCY2hSWWRwR3ZLTGRWZm1hUmZrSk5zbTlJR0hRaEsxalFqcjRrMUVlRHhpelUweXpWK1hENUVWWjFzVlNPVnNnemw2eDUrMzU1N243d1VpMFVkQkFQdC95MisvZlRTYUVkT3Vab1ZDOVBoTFJEZ3RmU09acFpDekJYN1lZSzRwcXR4ajg0T1dqUGEyeW9JYkxIY1REUVJWR2Z6MGtoZ3NKVG9qWmhIZDcyY1VzU0V0YnJlZmF4Yjd1NGhWbmt3OGl1dS83d2ZyTVJVT2w5UmZrRFdFajlsTjZ0MXpYVUhjOTFudzBtelZqV2F3bUFsTHM5WE8xQmRsSmJ2NkxCZ2p1dmxwOElrc3l3ZGhDT3RkeXcrODlVYjFwV0c3Q21hV3pFdFU1VlVFL1N0cFdiSDE3T0JGWnJiK1ZTd1cyaEFJbi9GNklCaXhoK3RDQmFMNEYwbVhRalhEeVJqb3U4ZlBmUmh3SG1XRzlzL2lhek5sZ3lzb3hRbm5qY1FlS0o0LzFVdFBvVmcyVVpndDhvYk5SM0lTRmc2eUdlaFJYMnBhcXFjOG4vMm55T3k2b085Qk56UnJxNUlnTW9zQlI5RkhIdlNFNU1jeXZkOEpKeDlqWFRYWStaM0FiR3lua0p0bENyZ1RXcUsxSXV4RzY5dEhWcE1YWXgxczcvZmhqSVR1K255QVUxbTRNN01zOEZRTVRpVXJhalp6YlpwQzZtWFFnNGhYNzRFV280V2pHT09GMzRmZGo0TUgvT09CMm9Pd3JMcjBKNkExbHh6bVF6bDVMclRoZ08yZmdpZEZjd0hubjNVdVB2cjAwUi8wRGR2S1hnVnhvYTFhTSttTXBtVVRka2hvNUFpa2Mzb1Y0U3QwZ3lab3hFNVFaWVFZWTg5Y1Jwak9PaDB4TUFsM1M1dC9DdzU3OWQ1Yk1PN1p2QnFkV2tSM2pOZ3ZKbTljejd1anFzWG00SUdDRUNGbVozb2NPTldKUG1nTFZkOTZweHZFRWQ5MG9pRm5ZRWtBWlZZajg3NzIrSWpmRTVON2JyWElPcVNqMzJjb0FaWT0iLCJjb250ZW50IjoiW2NvbnRhY3QtZmllbGQgbGFiZWw9XCJOb206XCIgdHlwZT1cIm5hbWVcIiByZXF1aXJlZD1cIjFcIl1bY29udGFjdC1maWVsZCBsYWJlbD1cIkUtbWFpbFwiIHR5cGU9XCJlbWFpbFwiIHJlcXVpcmVkPVwiMVwiXVtjb250YWN0LWZpZWxkIGxhYmVsPVwiQXUgc3VqZXQgZGUgY2UgeWFjaHQ6IFwiIHR5cGU9XCJ0ZXh0XCJdW2NvbnRhY3QtZmllbGQgbGFiZWw9XCJNZXNzYWdlXCIgdHlwZT1cInRleHRhcmVhXCJdIiwiaGFzaCI6IjQ5N2VjMjk0YzQ3YTIwODNkZDU1MmI4NjM2N2Y2OTQ4NDJlNTQ4ZDgiLCJzb3VyY2UiOnsiZW50cnlfdGl0bGUiOiJGZXJyZXR0aSA2NzAgMjAyMiAkMiw3OTksNTAwIHVzZCBcdTAwZTAgdmVuZHJlIiwiZW50cnlfcGFnZSI6MSwic291cmNlX2lkIjoyMTg0MzAsInNvdXJjZV90eXBlIjoic2luZ2xlIiwicmVxdWVzdF91cmwiOiJodHRwczovL2l0YXlhY2h0c2NhbmFkYS5jb20vZnIvd3AtanNvbi93cC92Mi9saXN0aW5nLzIxODQzMCJ9LCJ2ZXJzaW9uIjoyLCJjaXBoZXIiOiJhZXMtMjU2LWdjbSJ9.NI965bhm-nOxa97nWPTORcWP6ODO94hoaAlhNtUMqNM' \/>\n\n<div style=\"\"  data-wp-interactive=\"jetpack\/form\" data-wp-context='{\"fieldId\":\"g218430-nom\",\"fieldType\":\"name\",\"fieldLabel\":\"Nom:\",\"fieldValue\":\"\",\"fieldPlaceholder\":\"\",\"fieldIsRequired\":\"1\",\"fieldErrorMessage\":\"\",\"fieldExtra\":[],\"formHash\":\"497ec294c47a2083dd552b86367f694842e548d8\"}'  class='grunion-field-name-wrap grunion-field-wrap'  data-wp-init='callbacks.initializeField' data-wp-on--jetpack-form-reset='callbacks.initializeField' >\n<label\n\t\t\t\tfor='g218430-nom' class=\"grunion-field-label name\" >Nom:<span class=\"grunion-label-required\" aria-hidden=\"true\">(obligatoire)<\/span><\/label>\n<input\n\t\t\t\t\ttype='text'\n\t\t\t\t\tname='g218430-nom'\n\t\t\t\t\tid='g218430-nom'\n\t\t\t\t\tvalue=''\n\n\t\t\t\t\tdata-wp-bind--aria-invalid='state.fieldAriaInvalid'\n\t\t\t\t\tdata-wp-bind--value='state.getFieldValue'\n\t\t\t\t\taria-describedby='g218430-nom-text-error-message'\n\t\t\t\t\tdata-wp-on--input='actions.onFieldChange'\n\t\t\t\t\tdata-wp-on--blur='actions.onFieldBlur'\n\t\t\t\t\tdata-wp-class--has-value='state.hasFieldValue'\n\n\t\t\t\t\tclass='name  grunion-field' \n\t\t\t\t\trequired='true' aria-required='true'  \/>\n \n\t\t\t<div id=\"g218430-nom-text-error\" class=\"contact-form__input-error\" data-wp-class--has-errors=\"state.fieldHasErrors\">\n\t\t\t\t<span class=\"contact-form__warning-icon\" aria-hidden=\"true\">\n\t\t\t\t\t<svg width=\"16\" height=\"16\" viewBox=\"0 0 16 16\" fill=\"none\" xmlns=\"http:\/\/www.w3.org\/2000\/svg\">\n\t\t\t\t\t\t<path d=\"M8.50015 11.6402H7.50015V10.6402H8.50015V11.6402Z\" \/>\n\t\t\t\t\t\t<path d=\"M7.50015 9.64018H8.50015V6.30684H7.50015V9.64018Z\" \/>\n\t\t\t\t\t\t<path fill-rule=\"evenodd\" clip-rule=\"evenodd\" d=\"M6.98331 3.0947C7.42933 2.30177 8.57096 2.30177 9.01698 3.09469L13.8771 11.7349C14.3145 12.5126 13.7525 13.4735 12.8602 13.4735H3.14004C2.24774 13.4735 1.68575 12.5126 2.12321 11.7349L6.98331 3.0947ZM8.14541 3.58496C8.08169 3.47168 7.9186 3.47168 7.85488 3.58496L2.99478 12.2251C2.93229 12.3362 3.01257 12.4735 3.14004 12.4735H12.8602C12.9877 12.4735 13.068 12.3362 13.0055 12.2251L8.14541 3.58496Z\" \/>\n\t\t\t\t\t<\/svg>\n\t\t\t\t<\/span>\n\t\t\t\t<span data-wp-text=\"state.errorMessage\" id=\"g218430-nom-text-error-message\"><\/span>\n\t\t\t<\/div> \n\t<\/div>\n\n<div style=\"\"  data-wp-interactive=\"jetpack\/form\" data-wp-context='{\"fieldId\":\"g218430-email\",\"fieldType\":\"email\",\"fieldLabel\":\"E-mail\",\"fieldValue\":\"\",\"fieldPlaceholder\":\"\",\"fieldIsRequired\":\"1\",\"fieldErrorMessage\":\"\",\"fieldExtra\":[],\"formHash\":\"497ec294c47a2083dd552b86367f694842e548d8\"}'  class='grunion-field-email-wrap grunion-field-wrap'  data-wp-init='callbacks.initializeField' data-wp-on--jetpack-form-reset='callbacks.initializeField' >\n<label\n\t\t\t\tfor='g218430-email' class=\"grunion-field-label email\" >E-mail<span class=\"grunion-label-required\" aria-hidden=\"true\">(obligatoire)<\/span><\/label>\n<input\n\t\t\t\t\ttype='email'\n\t\t\t\t\tname='g218430-email'\n\t\t\t\t\tid='g218430-email'\n\t\t\t\t\tvalue=''\n\n\t\t\t\t\tdata-wp-bind--aria-invalid='state.fieldAriaInvalid'\n\t\t\t\t\tdata-wp-bind--value='state.getFieldValue'\n\t\t\t\t\taria-describedby='g218430-email-email-error-message'\n\t\t\t\t\tdata-wp-on--input='actions.onFieldChange'\n\t\t\t\t\tdata-wp-on--blur='actions.onFieldBlur'\n\t\t\t\t\tdata-wp-class--has-value='state.hasFieldValue'\n\n\t\t\t\t\tclass='email  grunion-field' \n\t\t\t\t\trequired='true' aria-required='true'  \/>\n \n\t\t\t<div id=\"g218430-email-email-error\" class=\"contact-form__input-error\" data-wp-class--has-errors=\"state.fieldHasErrors\">\n\t\t\t\t<span class=\"contact-form__warning-icon\" aria-hidden=\"true\">\n\t\t\t\t\t<svg width=\"16\" height=\"16\" viewBox=\"0 0 16 16\" fill=\"none\" xmlns=\"http:\/\/www.w3.org\/2000\/svg\">\n\t\t\t\t\t\t<path d=\"M8.50015 11.6402H7.50015V10.6402H8.50015V11.6402Z\" \/>\n\t\t\t\t\t\t<path d=\"M7.50015 9.64018H8.50015V6.30684H7.50015V9.64018Z\" \/>\n\t\t\t\t\t\t<path fill-rule=\"evenodd\" clip-rule=\"evenodd\" d=\"M6.98331 3.0947C7.42933 2.30177 8.57096 2.30177 9.01698 3.09469L13.8771 11.7349C14.3145 12.5126 13.7525 13.4735 12.8602 13.4735H3.14004C2.24774 13.4735 1.68575 12.5126 2.12321 11.7349L6.98331 3.0947ZM8.14541 3.58496C8.08169 3.47168 7.9186 3.47168 7.85488 3.58496L2.99478 12.2251C2.93229 12.3362 3.01257 12.4735 3.14004 12.4735H12.8602C12.9877 12.4735 13.068 12.3362 13.0055 12.2251L8.14541 3.58496Z\" \/>\n\t\t\t\t\t<\/svg>\n\t\t\t\t<\/span>\n\t\t\t\t<span data-wp-text=\"state.errorMessage\" id=\"g218430-email-email-error-message\"><\/span>\n\t\t\t<\/div> \n\t<\/div>\n\n<div style=\"\"  data-wp-interactive=\"jetpack\/form\" data-wp-context='{\"fieldId\":\"g218430-ausujetdeceyacht\",\"fieldType\":\"text\",\"fieldLabel\":\"Au sujet de ce yacht: \",\"fieldValue\":\"\",\"fieldPlaceholder\":\"\",\"fieldIsRequired\":\"\",\"fieldErrorMessage\":\"\",\"fieldExtra\":[],\"formHash\":\"497ec294c47a2083dd552b86367f694842e548d8\"}'  class='grunion-field-text-wrap grunion-field-wrap'  data-wp-init='callbacks.initializeField' data-wp-on--jetpack-form-reset='callbacks.initializeField' >\n<label\n\t\t\t\tfor='g218430-ausujetdeceyacht' class=\"grunion-field-label text\" >Au sujet de ce yacht: <\/label>\n<input\n\t\t\t\t\ttype='text'\n\t\t\t\t\tname='g218430-ausujetdeceyacht'\n\t\t\t\t\tid='g218430-ausujetdeceyacht'\n\t\t\t\t\tvalue=''\n\n\t\t\t\t\tdata-wp-bind--aria-invalid='state.fieldAriaInvalid'\n\t\t\t\t\tdata-wp-bind--value='state.getFieldValue'\n\t\t\t\t\taria-describedby='g218430-ausujetdeceyacht-text-error-message'\n\t\t\t\t\tdata-wp-on--input='actions.onFieldChange'\n\t\t\t\t\tdata-wp-on--blur='actions.onFieldBlur'\n\t\t\t\t\tdata-wp-class--has-value='state.hasFieldValue'\n\n\t\t\t\t\tclass='text  grunion-field' \n\t\t\t\t\t \/>\n \n\t\t\t<div id=\"g218430-ausujetdeceyacht-text-error\" class=\"contact-form__input-error\" data-wp-class--has-errors=\"state.fieldHasErrors\">\n\t\t\t\t<span class=\"contact-form__warning-icon\" aria-hidden=\"true\">\n\t\t\t\t\t<svg width=\"16\" height=\"16\" viewBox=\"0 0 16 16\" fill=\"none\" xmlns=\"http:\/\/www.w3.org\/2000\/svg\">\n\t\t\t\t\t\t<path d=\"M8.50015 11.6402H7.50015V10.6402H8.50015V11.6402Z\" \/>\n\t\t\t\t\t\t<path d=\"M7.50015 9.64018H8.50015V6.30684H7.50015V9.64018Z\" \/>\n\t\t\t\t\t\t<path fill-rule=\"evenodd\" clip-rule=\"evenodd\" d=\"M6.98331 3.0947C7.42933 2.30177 8.57096 2.30177 9.01698 3.09469L13.8771 11.7349C14.3145 12.5126 13.7525 13.4735 12.8602 13.4735H3.14004C2.24774 13.4735 1.68575 12.5126 2.12321 11.7349L6.98331 3.0947ZM8.14541 3.58496C8.08169 3.47168 7.9186 3.47168 7.85488 3.58496L2.99478 12.2251C2.93229 12.3362 3.01257 12.4735 3.14004 12.4735H12.8602C12.9877 12.4735 13.068 12.3362 13.0055 12.2251L8.14541 3.58496Z\" \/>\n\t\t\t\t\t<\/svg>\n\t\t\t\t<\/span>\n\t\t\t\t<span data-wp-text=\"state.errorMessage\" id=\"g218430-ausujetdeceyacht-text-error-message\"><\/span>\n\t\t\t<\/div> \n\t<\/div>\n\n<div style=\"\"  data-wp-interactive=\"jetpack\/form\" data-wp-context='{\"fieldId\":\"g218430-message\",\"fieldType\":\"textarea\",\"fieldLabel\":\"Message\",\"fieldValue\":\"\",\"fieldPlaceholder\":\"\",\"fieldIsRequired\":\"\",\"fieldErrorMessage\":\"\",\"fieldExtra\":[],\"formHash\":\"497ec294c47a2083dd552b86367f694842e548d8\"}'  class='grunion-field-textarea-wrap grunion-field-wrap'  data-wp-init='callbacks.initializeField' data-wp-on--jetpack-form-reset='callbacks.initializeField' >\n<label\n\t\t\t\tfor='contact-form-comment-g218430-message' class=\"grunion-field-label textarea\" >Message<\/label>\n<textarea\n\t\t                style=''\n\t\t                name='g218430-message'\n\t\t                id='contact-form-comment-g218430-message'\n\t\t                rows='20'\n\t\t\t\t\t\tdata-wp-text='state.getFieldValue'\n\t\t\t\t\t\tdata-wp-on--input='actions.onFieldChange'\n\t\t\t\t\t\tdata-wp-on--blur='actions.onFieldBlur'\n\t\t\t\t\t\tdata-wp-class--has-value='state.hasFieldValue'\n\t\t\t\t\t\taria-describedby='g218430-message-textarea-error-message'\n\t\t\t\t\t\tdata-wp-bind--aria-invalid='state.fieldAriaInvalid'\n\t\t\t\t\t\tclass='textarea  grunion-field'  ><\/textarea>\n \n\t\t\t<div id=\"g218430-message-textarea-error\" class=\"contact-form__input-error\" data-wp-class--has-errors=\"state.fieldHasErrors\">\n\t\t\t\t<span class=\"contact-form__warning-icon\" aria-hidden=\"true\">\n\t\t\t\t\t<svg width=\"16\" height=\"16\" viewBox=\"0 0 16 16\" fill=\"none\" xmlns=\"http:\/\/www.w3.org\/2000\/svg\">\n\t\t\t\t\t\t<path d=\"M8.50015 11.6402H7.50015V10.6402H8.50015V11.6402Z\" \/>\n\t\t\t\t\t\t<path d=\"M7.50015 9.64018H8.50015V6.30684H7.50015V9.64018Z\" \/>\n\t\t\t\t\t\t<path fill-rule=\"evenodd\" clip-rule=\"evenodd\" d=\"M6.98331 3.0947C7.42933 2.30177 8.57096 2.30177 9.01698 3.09469L13.8771 11.7349C14.3145 12.5126 13.7525 13.4735 12.8602 13.4735H3.14004C2.24774 13.4735 1.68575 12.5126 2.12321 11.7349L6.98331 3.0947ZM8.14541 3.58496C8.08169 3.47168 7.9186 3.47168 7.85488 3.58496L2.99478 12.2251C2.93229 12.3362 3.01257 12.4735 3.14004 12.4735H12.8602C12.9877 12.4735 13.068 12.3362 13.0055 12.2251L8.14541 3.58496Z\" \/>\n\t\t\t\t\t<\/svg>\n\t\t\t\t<\/span>\n\t\t\t\t<span data-wp-text=\"state.errorMessage\" id=\"g218430-message-textarea-error-message\"><\/span>\n\t\t\t<\/div>\n\t<\/div>\n\t<p class='contact-submit'>\n<div class=\"contact-form__error\" data-wp-class--show-errors=\"state.showFormErrors\"><span class=\"contact-form__warning-icon\" aria-hidden=\"true\"><i><\/i><\/span><span class=\"contact-form__error-message\" tabindex=\"-1\" data-wp-watch=\"callbacks.focusOnValidationError\" data-wp-text=\"state.getFormErrorMessage\"><\/span><ul aria-label=\"Erreurs de formulaire\">\n\t\t\t\t<template data-wp-each=\"state.getErrorList\" data-wp-key=\"context.item.id\">\n\t\t\t\t\t<li><a data-wp-bind--href=\"context.item.anchor\" data-wp-on--click=\"actions.scrollIntoView\" data-wp-text=\"context.item.label\"><\/a><\/li>\n\t\t\t\t<\/template>\n\t\t\t\t<\/ul><\/div><div class=\"contact-form__error\" data-wp-class--show-errors=\"state.showSubmissionError\" data-wp-text=\"context.submissionError\" tabindex=\"-1\" data-wp-watch=\"callbacks.focusOnSubmissionError\"><\/div>\t\t<button type='submit' class='pushbutton-wide'>Envoyer<\/button>\t\t<input type='hidden' name='contact-form-id' value='218430' \/>\n\t\t<input type='hidden' name='action' value='grunion-contact-form' \/>\n\t\t<input type='hidden' name='contact-form-hash' value='497ec294c47a2083dd552b86367f694842e548d8' \/>\n\t<\/p>\n<p style=\"display: none !important;\" class=\"akismet-fields-container\" data-prefix=\"ak_\"><label>&#916;<textarea name=\"ak_hp_textarea\" cols=\"45\" rows=\"8\" maxlength=\"100\"><\/textarea><\/label><input type=\"hidden\" id=\"ak_js_1\" name=\"ak_js\" value=\"183\"\/><script type=\"text\/javascript\">\n\/* <![CDATA[ *\/\ndocument.getElementById( \"ak_js_1\" ).setAttribute( \"value\", ( new Date() ).getTime() );\n\/* ]]> *\/\n<\/script>\n<\/p><\/form>\n<\/div>\n<p>&nbsp;<\/p>\n<p>&nbsp;<\/p>\n<\/div>\n<\/div>\n","protected":false},"excerpt":{"rendered":"<p>OFF MARKET (pr\u00e9sentement retir\u00e9 de la vente) Ferretti 670 2022 $2,799,500 usd \u00e0 vendre Lanc\u00e9 en 2018, le Ferretti Yachts 670 est notre cadeau au monde du yachting, et \u00e0 nous-m\u00eames, pour c\u00e9l\u00e9brer notre 50e anniversaire dans un style somptueux. Il est le fruit du partenariat entre le comit\u00e9 de strat\u00e9gie produit du groupe Ferretti &hellip; <a href=\"https:\/\/itayachtscanada.com\/fr\/listing\/ferretti-670-2022-2950000-usd-a-vendre\/\" class=\"more-link\">Lire la suite <span class=\"screen-reader-text\">Ferretti 670 2022 $2,799,500 usd \u00e0 vendre<\/span> <span class=\"meta-nav\">&rarr;<\/span><\/a><\/p>\n","protected":false},"author":119081455,"featured_media":218437,"parent":0,"menu_order":0,"comment_status":"open","ping_status":"open","template":"","format":"standard","meta":{"_coblocks_attr":"","_coblocks_dimensions":"","_coblocks_responsive_height":"","_coblocks_accordion_ie_support":"","_lmt_disableupdate":"no","_lmt_disable":"no","advanced_seo_description":"","jetpack_seo_html_title":"","jetpack_seo_noindex":false,"footnotes":""},"manufacturer":[6434],"prix":[6807],"years":[6482],"length_feet":[6588],"boat_type":[6464],"price_range":[6580],"localisations":[],"numyacht":[10320,10565],"datevente":[10046,10435,10564,10945,11143,11244],"country":[10755],"states":[10770],"city":[10812],"fresh-water-boat":[10809],"broker":[10950],"migration":[10888],"class_list":["post-218430","listing","type-listing","status-publish","format-standard","has-post-thumbnail","hentry","manufacturer-ferretti","prix-6807","years-6482","length_feet-between-60-and-69-feets","boat_type-flybridge","price_range-1500000-2999999","numyacht-10320","numyacht-10565","datevente-2025-01-02","datevente-2025-06-10","datevente-2025-08-06","datevente-2025-11-27","datevente-2026-01-26","datevente-2026-03-25","country-united-states","states-floride","city-fort-lauderdale","fresh-water-boat-non","broker-ngy","migration-non"],"translation":{"provider":"WPGlobus","version":"2.12.2","language":"fr","enabled_languages":["en","fr"],"languages":{"en":{"title":true,"content":true,"excerpt":false},"fr":{"title":true,"content":true,"excerpt":false}}},"jetpack_likes_enabled":true,"jetpack_sharing_enabled":true,"_links":{"self":[{"href":"https:\/\/itayachtscanada.com\/fr\/wp-json\/wp\/v2\/listing\/218430","targetHints":{"allow":["GET"]}}],"collection":[{"href":"https:\/\/itayachtscanada.com\/fr\/wp-json\/wp\/v2\/listing"}],"about":[{"href":"https:\/\/itayachtscanada.com\/fr\/wp-json\/wp\/v2\/types\/listing"}],"author":[{"embeddable":true,"href":"https:\/\/itayachtscanada.com\/fr\/wp-json\/wp\/v2\/users\/119081455"}],"replies":[{"embeddable":true,"href":"https:\/\/itayachtscanada.com\/fr\/wp-json\/wp\/v2\/comments?post=218430"}],"version-history":[{"count":28,"href":"https:\/\/itayachtscanada.com\/fr\/wp-json\/wp\/v2\/listing\/218430\/revisions"}],"predecessor-version":[{"id":298855,"href":"https:\/\/itayachtscanada.com\/fr\/wp-json\/wp\/v2\/listing\/218430\/revisions\/298855"}],"wp:featuredmedia":[{"embeddable":true,"href":"https:\/\/itayachtscanada.com\/fr\/wp-json\/wp\/v2\/media\/218437"}],"wp:attachment":[{"href":"https:\/\/itayachtscanada.com\/fr\/wp-json\/wp\/v2\/media?parent=218430"}],"wp:term":[{"taxonomy":"manufacturer","embeddable":true,"href":"https:\/\/itayachtscanada.com\/fr\/wp-json\/wp\/v2\/manufacturer?post=218430"},{"taxonomy":"prix","embeddable":true,"href":"https:\/\/itayachtscanada.com\/fr\/wp-json\/wp\/v2\/prix?post=218430"},{"taxonomy":"years","embeddable":true,"href":"https:\/\/itayachtscanada.com\/fr\/wp-json\/wp\/v2\/years?post=218430"},{"taxonomy":"length_feet","embeddable":true,"href":"https:\/\/itayachtscanada.com\/fr\/wp-json\/wp\/v2\/length_feet?post=218430"},{"taxonomy":"boat_type","embeddable":true,"href":"https:\/\/itayachtscanada.com\/fr\/wp-json\/wp\/v2\/boat_type?post=218430"},{"taxonomy":"price_range","embeddable":true,"href":"https:\/\/itayachtscanada.com\/fr\/wp-json\/wp\/v2\/price_range?post=218430"},{"taxonomy":"localisations","embeddable":true,"href":"https:\/\/itayachtscanada.com\/fr\/wp-json\/wp\/v2\/localisations?post=218430"},{"taxonomy":"numyacht","embeddable":true,"href":"https:\/\/itayachtscanada.com\/fr\/wp-json\/wp\/v2\/numyacht?post=218430"},{"taxonomy":"datevente","embeddable":true,"href":"https:\/\/itayachtscanada.com\/fr\/wp-json\/wp\/v2\/datevente?post=218430"},{"taxonomy":"country","embeddable":true,"href":"https:\/\/itayachtscanada.com\/fr\/wp-json\/wp\/v2\/country?post=218430"},{"taxonomy":"states","embeddable":true,"href":"https:\/\/itayachtscanada.com\/fr\/wp-json\/wp\/v2\/states?post=218430"},{"taxonomy":"city","embeddable":true,"href":"https:\/\/itayachtscanada.com\/fr\/wp-json\/wp\/v2\/city?post=218430"},{"taxonomy":"fresh-water-boat","embeddable":true,"href":"https:\/\/itayachtscanada.com\/fr\/wp-json\/wp\/v2\/fresh-water-boat?post=218430"},{"taxonomy":"broker","embeddable":true,"href":"https:\/\/itayachtscanada.com\/fr\/wp-json\/wp\/v2\/broker?post=218430"},{"taxonomy":"migration","embeddable":true,"href":"https:\/\/itayachtscanada.com\/fr\/wp-json\/wp\/v2\/migration?post=218430"}],"curies":[{"name":"wp","href":"https:\/\/api.w.org\/{rel}","templated":true}]}}