{"id":204158,"date":"2025-02-09T09:36:29","date_gmt":"2025-02-09T14:36:29","guid":{"rendered":"https:\/\/itayachtscanada.com\/?post_type=listing&#038;p=204158"},"modified":"2026-03-18T13:55:41","modified_gmt":"2026-03-18T17:55:41","slug":"maritimo-m60-2024-3399000-usd-for-sale","status":"publish","type":"listing","link":"https:\/\/itayachtscanada.com\/fr\/listing\/maritimo-m60-2024-3399000-usd-for-sale\/","title":{"rendered":"Maritimo M60 2024 $3,349,000 usd \u00e0 vendre"},"content":{"rendered":"<p>OFF. MARKET (pr\u00e9sentement retir\u00e9 de la vente)<\/p>\n<p><strong>Maritimo M60 2024 $3,349,000 usd \u00e0 vendre<\/strong><\/p>\n<p>\u00ab Nous vous pr\u00e9sentons le 2024 M60 Maritimo Yacht, Afternoon Delight, un chef-d&rsquo;\u0153uvre de luxe. Fabriqu\u00e9 avec pr\u00e9cision, ce magnifique yacht offre un confort in\u00e9gal\u00e9, une technologie de pointe et un design \u00e9l\u00e9gant. Parfait pour les loisirs et l&rsquo;aventure \u00bb.<br \/>\nLe M60 promet une exp\u00e9rience inoubliable sur l&rsquo;eau.<\/p>\n<p>Il est incroyablement \u00e9quip\u00e9 &#8211; 1000HP Volvos avec Twin Disc, Quick MC2-30k Gyro, Sleipner 210 Proportional Thrusters, 126 Open Array Radar, Garmin Electronics, complete ceramic coating, et Spot Zero Water maker\u00a0 pour ne mentionn\u00e9 que ces caract\u00e9ristiques !<br \/>\nPeu d&rsquo;heures et disponible pour votre plaisir de croisi\u00e8re cet \u00e9t\u00e9. Il n&rsquo;y a pas besoin d&rsquo;attendre.<\/p>\n<h3>Ce Maritimo M60 est situ\u00e9 en Floride, veuillez nous contacter au 514-521-1221 pour tous les d\u00e9tails concernant ce MARITIMO M60 construit en Australie, notre bureau est situ\u00e9 en banlieue de Montr\u00e9al.<\/h3>\n<p><a href=\"https:\/\/itayachtscanada.com\/fr\/virtuals_visits\/maritimo-m600\/\">Cliquez ici<\/a> pour une visite virtuelle du Maritimo M600<\/p>\n<p>Dimensions du bateau<br \/>\nLongueur hors tout : 60 pi 10 po<br \/>\nLongueur \u00e0 la ligne de flottaison : 60 pi 2 po<br \/>\nlargeur : 17 pi 2 po<br \/>\nHauteur libre maximale sur le pont : 22 pi 4 po<br \/>\nTirant d&rsquo;eau max : 4 pi 5 po<br \/>\nPoids<br \/>\nPoids \u00e0 sec : 74075 lb<br \/>\nVitesse de croisi\u00e8re<br \/>\nVitesse de croisi\u00e8re : 22 n\u0153uds en r\u00e9gime \u00e9tabli<br \/>\nVitesse de coque : 27 n\u0153uds en tours\/minute<br \/>\nRayon d&rsquo;action : 1042 nmi<br \/>\nR\u00e9servoirs<br \/>\nCarburant : 3 (1200 gal)<br \/>\nEau douce : 1 (185 gal)<br \/>\nR\u00e9servoir de stockage : 1 (79 gal)<br \/>\nH\u00e9bergement<br \/>\nCabines invit\u00e9s : 3<br \/>\nToilettes invit\u00e9s : 2<br \/>\nAutres caract\u00e9ristiques<br \/>\nForme de la coque : Vee modifi\u00e9<br \/>\nPavillon d&rsquo;immatriculation : \u00c9tats-Unis<\/p>\n<p>MOTEURS :<br \/>\nVolvo D-13 (moteur 1)<br \/>\nType de moteur : Inboard<br \/>\nType de carburant : Diesel<br \/>\nHeures de fonctionnement du moteur : 230<br \/>\nPuissance : 1000 hp<br \/>\nType d&rsquo;entra\u00eenement : Entra\u00eenement direct<\/p>\n<p>Volvo D-13 (moteur 2)<br \/>\nType de moteur : Inboard<br \/>\nType de carburant : Diesel<br \/>\nHeures de fonctionnement du moteur : 230<br \/>\nPuissance : 1000 hp<br \/>\nType d&rsquo;entra\u00eenement : Entra\u00eenement direct<\/p>\n<div>\n<div class=\"content-header\">\n<div class=\"column-container cols-3\">\n<div class=\"column\">\n<div class=\"column-item\">\n<div class=\"column-container cols-3\">\n<div class=\"column\">\n<div class=\"column-item\">\n<div><\/div>\n<div>\n<div class=\"tiled-gallery type-rectangular tiled-gallery-unresized\" data-original-width=\"700\" data-carousel-extra='{&quot;blog_id&quot;:1,&quot;permalink&quot;:&quot;https:\\\/\\\/itayachtscanada.com\\\/fr\\\/listing\\\/maritimo-m60-2024-3399000-usd-for-sale\\\/&quot;,&quot;likes_blog_id&quot;:198557287}' itemscope itemtype=\"http:\/\/schema.org\/ImageGallery\" > <div class=\"gallery-row\" style=\"width: 700px; height: 348px;\" data-original-width=\"700\" data-original-height=\"348\" > <div class=\"gallery-group images-1\" style=\"width: 421px; height: 348px;\" data-original-width=\"421\" data-original-height=\"348\" > <div class=\"tiled-gallery-item tiled-gallery-item-large\" itemprop=\"associatedMedia\" itemscope itemtype=\"http:\/\/schema.org\/ImageObject\"> <a href=\"https:\/\/itayachtscanada.com\/fr\/listing\/maritimo-m60-2024-3399000-usd-for-sale\/capture-decran-le-2025-02-09-a-09-17-11\/\" border=\"0\" itemprop=\"url\"> <meta itemprop=\"width\" content=\"417\"> <meta itemprop=\"height\" content=\"344\"> <img decoding=\"async\" class=\"\" data-attachment-id=\"204203\" data-orig-file=\"https:\/\/itayachtscanada.com\/wp-content\/uploads\/2025\/02\/Capture-decran-le-2025-02-09-a-09.17.11.jpg\" data-orig-size=\"1216,1004\" data-comments-opened=\"1\" data-image-meta=\"{&quot;aperture&quot;:&quot;0&quot;,&quot;credit&quot;:&quot;&quot;,&quot;camera&quot;:&quot;&quot;,&quot;caption&quot;:&quot;&quot;,&quot;created_timestamp&quot;:&quot;0&quot;,&quot;copyright&quot;:&quot;&quot;,&quot;focal_length&quot;:&quot;0&quot;,&quot;iso&quot;:&quot;0&quot;,&quot;shutter_speed&quot;:&quot;0&quot;,&quot;title&quot;:&quot;&quot;,&quot;orientation&quot;:&quot;0&quot;}\" data-image-title=\"Capture d\u2019e\u0301cran, le 2025-02-09 a\u0300 09.17.11\" data-image-description=\"\" data-medium-file=\"https:\/\/i0.wp.com\/itayachtscanada.com\/wp-content\/uploads\/2025\/02\/Capture-decran-le-2025-02-09-a-09.17.11.jpg?fit=300%2C248&#038;ssl=1\" data-large-file=\"https:\/\/i0.wp.com\/itayachtscanada.com\/wp-content\/uploads\/2025\/02\/Capture-decran-le-2025-02-09-a-09.17.11.jpg?fit=700%2C578&#038;ssl=1\" src=\"https:\/\/i0.wp.com\/itayachtscanada.com\/wp-content\/uploads\/2025\/02\/Capture-decran-le-2025-02-09-a-09.17.11.jpg?w=417&#038;h=344&#038;ssl=1\" srcset=\"https:\/\/i0.wp.com\/itayachtscanada.com\/wp-content\/uploads\/2025\/02\/Capture-decran-le-2025-02-09-a-09.17.11.jpg?w=1216&amp;ssl=1 1216w, https:\/\/i0.wp.com\/itayachtscanada.com\/wp-content\/uploads\/2025\/02\/Capture-decran-le-2025-02-09-a-09.17.11.jpg?resize=300%2C248&amp;ssl=1 300w, https:\/\/i0.wp.com\/itayachtscanada.com\/wp-content\/uploads\/2025\/02\/Capture-decran-le-2025-02-09-a-09.17.11.jpg?resize=1024%2C845&amp;ssl=1 1024w, https:\/\/i0.wp.com\/itayachtscanada.com\/wp-content\/uploads\/2025\/02\/Capture-decran-le-2025-02-09-a-09.17.11.jpg?resize=768%2C634&amp;ssl=1 768w, https:\/\/i0.wp.com\/itayachtscanada.com\/wp-content\/uploads\/2025\/02\/Capture-decran-le-2025-02-09-a-09.17.11.jpg?resize=700%2C578&amp;ssl=1 700w, https:\/\/i0.wp.com\/itayachtscanada.com\/wp-content\/uploads\/2025\/02\/Capture-decran-le-2025-02-09-a-09.17.11.jpg?resize=484%2C400&amp;ssl=1 484w\" width=\"417\" height=\"344\" loading=\"lazy\" data-original-width=\"417\" data-original-height=\"344\" itemprop=\"http:\/\/schema.org\/image\" title=\"Capture d\u2019e\u0301cran, le 2025-02-09 a\u0300 09.17.11\" alt=\"Capture d\u2019e\u0301cran, le 2025-02-09 a\u0300 09.17.11\" style=\"width: 417px; height: 344px;\" \/> <\/a> <\/div> <\/div> <!-- close group --> <div class=\"gallery-group images-2\" style=\"width: 279px; height: 348px;\" data-original-width=\"279\" data-original-height=\"348\" > <div class=\"tiled-gallery-item tiled-gallery-item-large\" itemprop=\"associatedMedia\" itemscope itemtype=\"http:\/\/schema.org\/ImageObject\"> <a href=\"https:\/\/itayachtscanada.com\/fr\/listing\/maritimo-m60-2024-3399000-usd-for-sale\/capture-decran-le-2025-02-09-a-09-17-39\/\" border=\"0\" itemprop=\"url\"> <meta itemprop=\"width\" content=\"275\"> <meta itemprop=\"height\" content=\"170\"> <img decoding=\"async\" class=\"\" data-attachment-id=\"204198\" data-orig-file=\"https:\/\/itayachtscanada.com\/wp-content\/uploads\/2025\/02\/Capture-decran-le-2025-02-09-a-09.17.39.jpg\" data-orig-size=\"1624,1004\" data-comments-opened=\"1\" data-image-meta=\"{&quot;aperture&quot;:&quot;0&quot;,&quot;credit&quot;:&quot;&quot;,&quot;camera&quot;:&quot;&quot;,&quot;caption&quot;:&quot;&quot;,&quot;created_timestamp&quot;:&quot;0&quot;,&quot;copyright&quot;:&quot;&quot;,&quot;focal_length&quot;:&quot;0&quot;,&quot;iso&quot;:&quot;0&quot;,&quot;shutter_speed&quot;:&quot;0&quot;,&quot;title&quot;:&quot;&quot;,&quot;orientation&quot;:&quot;0&quot;}\" data-image-title=\"Capture d\u2019e\u0301cran, le 2025-02-09 a\u0300 09.17.39\" data-image-description=\"\" data-medium-file=\"https:\/\/i0.wp.com\/itayachtscanada.com\/wp-content\/uploads\/2025\/02\/Capture-decran-le-2025-02-09-a-09.17.39.jpg?fit=300%2C185&#038;ssl=1\" data-large-file=\"https:\/\/i0.wp.com\/itayachtscanada.com\/wp-content\/uploads\/2025\/02\/Capture-decran-le-2025-02-09-a-09.17.39.jpg?fit=700%2C433&#038;ssl=1\" src=\"https:\/\/i0.wp.com\/itayachtscanada.com\/wp-content\/uploads\/2025\/02\/Capture-decran-le-2025-02-09-a-09.17.39.jpg?w=275&#038;h=170&#038;ssl=1\" srcset=\"https:\/\/i0.wp.com\/itayachtscanada.com\/wp-content\/uploads\/2025\/02\/Capture-decran-le-2025-02-09-a-09.17.39.jpg?w=1624&amp;ssl=1 1624w, https:\/\/i0.wp.com\/itayachtscanada.com\/wp-content\/uploads\/2025\/02\/Capture-decran-le-2025-02-09-a-09.17.39.jpg?resize=300%2C185&amp;ssl=1 300w, https:\/\/i0.wp.com\/itayachtscanada.com\/wp-content\/uploads\/2025\/02\/Capture-decran-le-2025-02-09-a-09.17.39.jpg?resize=1024%2C633&amp;ssl=1 1024w, https:\/\/i0.wp.com\/itayachtscanada.com\/wp-content\/uploads\/2025\/02\/Capture-decran-le-2025-02-09-a-09.17.39.jpg?resize=768%2C475&amp;ssl=1 768w, https:\/\/i0.wp.com\/itayachtscanada.com\/wp-content\/uploads\/2025\/02\/Capture-decran-le-2025-02-09-a-09.17.39.jpg?resize=1536%2C950&amp;ssl=1 1536w, https:\/\/i0.wp.com\/itayachtscanada.com\/wp-content\/uploads\/2025\/02\/Capture-decran-le-2025-02-09-a-09.17.39.jpg?resize=700%2C433&amp;ssl=1 700w, https:\/\/i0.wp.com\/itayachtscanada.com\/wp-content\/uploads\/2025\/02\/Capture-decran-le-2025-02-09-a-09.17.39.jpg?resize=647%2C400&amp;ssl=1 647w, https:\/\/i0.wp.com\/itayachtscanada.com\/wp-content\/uploads\/2025\/02\/Capture-decran-le-2025-02-09-a-09.17.39.jpg?w=1400&amp;ssl=1 1400w\" width=\"275\" height=\"170\" loading=\"lazy\" data-original-width=\"275\" data-original-height=\"170\" itemprop=\"http:\/\/schema.org\/image\" title=\"Capture d\u2019e\u0301cran, le 2025-02-09 a\u0300 09.17.39\" alt=\"Capture d\u2019e\u0301cran, le 2025-02-09 a\u0300 09.17.39\" style=\"width: 275px; height: 170px;\" \/> <\/a> <\/div> <div class=\"tiled-gallery-item tiled-gallery-item-large\" itemprop=\"associatedMedia\" itemscope itemtype=\"http:\/\/schema.org\/ImageObject\"> <a href=\"https:\/\/itayachtscanada.com\/fr\/listing\/maritimo-m60-2024-3399000-usd-for-sale\/capture-decran-le-2025-02-09-a-09-17-19\/\" border=\"0\" itemprop=\"url\"> <meta itemprop=\"width\" content=\"275\"> <meta itemprop=\"height\" content=\"170\"> <img decoding=\"async\" class=\"\" data-attachment-id=\"204201\" data-orig-file=\"https:\/\/itayachtscanada.com\/wp-content\/uploads\/2025\/02\/Capture-decran-le-2025-02-09-a-09.17.19.jpg\" data-orig-size=\"1624,1004\" data-comments-opened=\"1\" data-image-meta=\"{&quot;aperture&quot;:&quot;0&quot;,&quot;credit&quot;:&quot;&quot;,&quot;camera&quot;:&quot;&quot;,&quot;caption&quot;:&quot;&quot;,&quot;created_timestamp&quot;:&quot;0&quot;,&quot;copyright&quot;:&quot;&quot;,&quot;focal_length&quot;:&quot;0&quot;,&quot;iso&quot;:&quot;0&quot;,&quot;shutter_speed&quot;:&quot;0&quot;,&quot;title&quot;:&quot;&quot;,&quot;orientation&quot;:&quot;0&quot;}\" data-image-title=\"Capture d\u2019e\u0301cran, le 2025-02-09 a\u0300 09.17.19\" data-image-description=\"\" data-medium-file=\"https:\/\/i0.wp.com\/itayachtscanada.com\/wp-content\/uploads\/2025\/02\/Capture-decran-le-2025-02-09-a-09.17.19.jpg?fit=300%2C185&#038;ssl=1\" data-large-file=\"https:\/\/i0.wp.com\/itayachtscanada.com\/wp-content\/uploads\/2025\/02\/Capture-decran-le-2025-02-09-a-09.17.19.jpg?fit=700%2C433&#038;ssl=1\" src=\"https:\/\/i0.wp.com\/itayachtscanada.com\/wp-content\/uploads\/2025\/02\/Capture-decran-le-2025-02-09-a-09.17.19.jpg?w=275&#038;h=170&#038;ssl=1\" srcset=\"https:\/\/i0.wp.com\/itayachtscanada.com\/wp-content\/uploads\/2025\/02\/Capture-decran-le-2025-02-09-a-09.17.19.jpg?w=1624&amp;ssl=1 1624w, https:\/\/i0.wp.com\/itayachtscanada.com\/wp-content\/uploads\/2025\/02\/Capture-decran-le-2025-02-09-a-09.17.19.jpg?resize=300%2C185&amp;ssl=1 300w, https:\/\/i0.wp.com\/itayachtscanada.com\/wp-content\/uploads\/2025\/02\/Capture-decran-le-2025-02-09-a-09.17.19.jpg?resize=1024%2C633&amp;ssl=1 1024w, https:\/\/i0.wp.com\/itayachtscanada.com\/wp-content\/uploads\/2025\/02\/Capture-decran-le-2025-02-09-a-09.17.19.jpg?resize=768%2C475&amp;ssl=1 768w, https:\/\/i0.wp.com\/itayachtscanada.com\/wp-content\/uploads\/2025\/02\/Capture-decran-le-2025-02-09-a-09.17.19.jpg?resize=1536%2C950&amp;ssl=1 1536w, https:\/\/i0.wp.com\/itayachtscanada.com\/wp-content\/uploads\/2025\/02\/Capture-decran-le-2025-02-09-a-09.17.19.jpg?resize=700%2C433&amp;ssl=1 700w, https:\/\/i0.wp.com\/itayachtscanada.com\/wp-content\/uploads\/2025\/02\/Capture-decran-le-2025-02-09-a-09.17.19.jpg?resize=647%2C400&amp;ssl=1 647w, https:\/\/i0.wp.com\/itayachtscanada.com\/wp-content\/uploads\/2025\/02\/Capture-decran-le-2025-02-09-a-09.17.19.jpg?w=1400&amp;ssl=1 1400w\" width=\"275\" height=\"170\" loading=\"lazy\" data-original-width=\"275\" data-original-height=\"170\" itemprop=\"http:\/\/schema.org\/image\" title=\"Capture d\u2019e\u0301cran, le 2025-02-09 a\u0300 09.17.19\" alt=\"Capture d\u2019e\u0301cran, le 2025-02-09 a\u0300 09.17.19\" style=\"width: 275px; height: 170px;\" \/> <\/a> <\/div> <\/div> <!-- close group --> <\/div> <!-- close row --> <div class=\"gallery-row\" style=\"width: 700px; height: 297px;\" data-original-width=\"700\" data-original-height=\"297\" > <div class=\"gallery-group images-1\" style=\"width: 478px; height: 297px;\" data-original-width=\"478\" data-original-height=\"297\" > <div class=\"tiled-gallery-item tiled-gallery-item-large\" itemprop=\"associatedMedia\" itemscope itemtype=\"http:\/\/schema.org\/ImageObject\"> <a href=\"https:\/\/itayachtscanada.com\/fr\/listing\/maritimo-m60-2024-3399000-usd-for-sale\/capture-decran-le-2025-02-09-a-09-17-34\/\" border=\"0\" itemprop=\"url\"> <meta itemprop=\"width\" content=\"474\"> <meta itemprop=\"height\" content=\"293\"> <img decoding=\"async\" class=\"\" data-attachment-id=\"204199\" data-orig-file=\"https:\/\/itayachtscanada.com\/wp-content\/uploads\/2025\/02\/Capture-decran-le-2025-02-09-a-09.17.34.jpg\" data-orig-size=\"1624,1004\" data-comments-opened=\"1\" data-image-meta=\"{&quot;aperture&quot;:&quot;0&quot;,&quot;credit&quot;:&quot;&quot;,&quot;camera&quot;:&quot;&quot;,&quot;caption&quot;:&quot;&quot;,&quot;created_timestamp&quot;:&quot;0&quot;,&quot;copyright&quot;:&quot;&quot;,&quot;focal_length&quot;:&quot;0&quot;,&quot;iso&quot;:&quot;0&quot;,&quot;shutter_speed&quot;:&quot;0&quot;,&quot;title&quot;:&quot;&quot;,&quot;orientation&quot;:&quot;0&quot;}\" data-image-title=\"Capture d\u2019e\u0301cran, le 2025-02-09 a\u0300 09.17.34\" data-image-description=\"\" data-medium-file=\"https:\/\/i0.wp.com\/itayachtscanada.com\/wp-content\/uploads\/2025\/02\/Capture-decran-le-2025-02-09-a-09.17.34.jpg?fit=300%2C185&#038;ssl=1\" data-large-file=\"https:\/\/i0.wp.com\/itayachtscanada.com\/wp-content\/uploads\/2025\/02\/Capture-decran-le-2025-02-09-a-09.17.34.jpg?fit=700%2C433&#038;ssl=1\" src=\"https:\/\/i0.wp.com\/itayachtscanada.com\/wp-content\/uploads\/2025\/02\/Capture-decran-le-2025-02-09-a-09.17.34.jpg?w=474&#038;h=293&#038;ssl=1\" srcset=\"https:\/\/i0.wp.com\/itayachtscanada.com\/wp-content\/uploads\/2025\/02\/Capture-decran-le-2025-02-09-a-09.17.34.jpg?w=1624&amp;ssl=1 1624w, https:\/\/i0.wp.com\/itayachtscanada.com\/wp-content\/uploads\/2025\/02\/Capture-decran-le-2025-02-09-a-09.17.34.jpg?resize=300%2C185&amp;ssl=1 300w, https:\/\/i0.wp.com\/itayachtscanada.com\/wp-content\/uploads\/2025\/02\/Capture-decran-le-2025-02-09-a-09.17.34.jpg?resize=1024%2C633&amp;ssl=1 1024w, https:\/\/i0.wp.com\/itayachtscanada.com\/wp-content\/uploads\/2025\/02\/Capture-decran-le-2025-02-09-a-09.17.34.jpg?resize=768%2C475&amp;ssl=1 768w, https:\/\/i0.wp.com\/itayachtscanada.com\/wp-content\/uploads\/2025\/02\/Capture-decran-le-2025-02-09-a-09.17.34.jpg?resize=1536%2C950&amp;ssl=1 1536w, https:\/\/i0.wp.com\/itayachtscanada.com\/wp-content\/uploads\/2025\/02\/Capture-decran-le-2025-02-09-a-09.17.34.jpg?resize=700%2C433&amp;ssl=1 700w, https:\/\/i0.wp.com\/itayachtscanada.com\/wp-content\/uploads\/2025\/02\/Capture-decran-le-2025-02-09-a-09.17.34.jpg?resize=647%2C400&amp;ssl=1 647w, https:\/\/i0.wp.com\/itayachtscanada.com\/wp-content\/uploads\/2025\/02\/Capture-decran-le-2025-02-09-a-09.17.34.jpg?w=1400&amp;ssl=1 1400w\" width=\"474\" height=\"293\" loading=\"lazy\" data-original-width=\"474\" data-original-height=\"293\" itemprop=\"http:\/\/schema.org\/image\" title=\"Capture d\u2019e\u0301cran, le 2025-02-09 a\u0300 09.17.34\" alt=\"Capture d\u2019e\u0301cran, le 2025-02-09 a\u0300 09.17.34\" style=\"width: 474px; height: 293px;\" \/> <\/a> <\/div> <\/div> <!-- close group --> <div class=\"gallery-group images-1\" style=\"width: 222px; height: 297px;\" data-original-width=\"222\" data-original-height=\"297\" > <div class=\"tiled-gallery-item tiled-gallery-item-small\" itemprop=\"associatedMedia\" itemscope itemtype=\"http:\/\/schema.org\/ImageObject\"> <a href=\"https:\/\/itayachtscanada.com\/fr\/listing\/maritimo-m60-2024-3399000-usd-for-sale\/capture-decran-le-2025-02-09-a-09-09-21\/\" border=\"0\" itemprop=\"url\"> <meta itemprop=\"width\" content=\"218\"> <meta itemprop=\"height\" content=\"293\"> <img decoding=\"async\" class=\"\" data-attachment-id=\"204173\" data-orig-file=\"https:\/\/itayachtscanada.com\/wp-content\/uploads\/2025\/02\/Capture-decran-le-2025-02-09-a-09.09.21.jpg\" data-orig-size=\"742,998\" data-comments-opened=\"1\" data-image-meta=\"{&quot;aperture&quot;:&quot;0&quot;,&quot;credit&quot;:&quot;&quot;,&quot;camera&quot;:&quot;&quot;,&quot;caption&quot;:&quot;&quot;,&quot;created_timestamp&quot;:&quot;0&quot;,&quot;copyright&quot;:&quot;&quot;,&quot;focal_length&quot;:&quot;0&quot;,&quot;iso&quot;:&quot;0&quot;,&quot;shutter_speed&quot;:&quot;0&quot;,&quot;title&quot;:&quot;&quot;,&quot;orientation&quot;:&quot;0&quot;}\" data-image-title=\"Capture d\u2019e\u0301cran, le 2025-02-09 a\u0300 09.09.21\" data-image-description=\"\" data-medium-file=\"https:\/\/i0.wp.com\/itayachtscanada.com\/wp-content\/uploads\/2025\/02\/Capture-decran-le-2025-02-09-a-09.09.21.jpg?fit=223%2C300&#038;ssl=1\" data-large-file=\"https:\/\/i0.wp.com\/itayachtscanada.com\/wp-content\/uploads\/2025\/02\/Capture-decran-le-2025-02-09-a-09.09.21.jpg?fit=700%2C942&#038;ssl=1\" src=\"https:\/\/i0.wp.com\/itayachtscanada.com\/wp-content\/uploads\/2025\/02\/Capture-decran-le-2025-02-09-a-09.09.21.jpg?w=218&#038;h=293&#038;ssl=1\" srcset=\"https:\/\/i0.wp.com\/itayachtscanada.com\/wp-content\/uploads\/2025\/02\/Capture-decran-le-2025-02-09-a-09.09.21.jpg?w=742&amp;ssl=1 742w, https:\/\/i0.wp.com\/itayachtscanada.com\/wp-content\/uploads\/2025\/02\/Capture-decran-le-2025-02-09-a-09.09.21.jpg?resize=223%2C300&amp;ssl=1 223w, https:\/\/i0.wp.com\/itayachtscanada.com\/wp-content\/uploads\/2025\/02\/Capture-decran-le-2025-02-09-a-09.09.21.jpg?resize=700%2C942&amp;ssl=1 700w, https:\/\/i0.wp.com\/itayachtscanada.com\/wp-content\/uploads\/2025\/02\/Capture-decran-le-2025-02-09-a-09.09.21.jpg?resize=297%2C400&amp;ssl=1 297w\" width=\"218\" height=\"293\" loading=\"lazy\" data-original-width=\"218\" data-original-height=\"293\" itemprop=\"http:\/\/schema.org\/image\" title=\"Capture d\u2019e\u0301cran, le 2025-02-09 a\u0300 09.09.21\" alt=\"Capture d\u2019e\u0301cran, le 2025-02-09 a\u0300 09.09.21\" style=\"width: 218px; height: 293px;\" \/> <\/a> <\/div> <\/div> <!-- close group --> <\/div> <!-- close row --> <div class=\"gallery-row\" style=\"width: 700px; height: 604px;\" data-original-width=\"700\" data-original-height=\"604\" > <div class=\"gallery-group images-1\" style=\"width: 450px; height: 604px;\" data-original-width=\"450\" data-original-height=\"604\" > <div class=\"tiled-gallery-item tiled-gallery-item-large\" itemprop=\"associatedMedia\" itemscope itemtype=\"http:\/\/schema.org\/ImageObject\"> <a href=\"https:\/\/itayachtscanada.com\/fr\/listing\/maritimo-m60-2024-3399000-usd-for-sale\/capture-decran-le-2025-02-09-a-09-09-18\/\" border=\"0\" itemprop=\"url\"> <meta itemprop=\"width\" content=\"446\"> <meta itemprop=\"height\" content=\"600\"> <img decoding=\"async\" class=\"\" data-attachment-id=\"204174\" data-orig-file=\"https:\/\/itayachtscanada.com\/wp-content\/uploads\/2025\/02\/Capture-decran-le-2025-02-09-a-09.09.18.jpg\" data-orig-size=\"742,998\" data-comments-opened=\"1\" data-image-meta=\"{&quot;aperture&quot;:&quot;0&quot;,&quot;credit&quot;:&quot;&quot;,&quot;camera&quot;:&quot;&quot;,&quot;caption&quot;:&quot;&quot;,&quot;created_timestamp&quot;:&quot;0&quot;,&quot;copyright&quot;:&quot;&quot;,&quot;focal_length&quot;:&quot;0&quot;,&quot;iso&quot;:&quot;0&quot;,&quot;shutter_speed&quot;:&quot;0&quot;,&quot;title&quot;:&quot;&quot;,&quot;orientation&quot;:&quot;0&quot;}\" data-image-title=\"Capture d\u2019e\u0301cran, le 2025-02-09 a\u0300 09.09.18\" data-image-description=\"\" data-medium-file=\"https:\/\/i0.wp.com\/itayachtscanada.com\/wp-content\/uploads\/2025\/02\/Capture-decran-le-2025-02-09-a-09.09.18.jpg?fit=223%2C300&#038;ssl=1\" data-large-file=\"https:\/\/i0.wp.com\/itayachtscanada.com\/wp-content\/uploads\/2025\/02\/Capture-decran-le-2025-02-09-a-09.09.18.jpg?fit=700%2C942&#038;ssl=1\" src=\"https:\/\/i0.wp.com\/itayachtscanada.com\/wp-content\/uploads\/2025\/02\/Capture-decran-le-2025-02-09-a-09.09.18.jpg?w=446&#038;h=600&#038;ssl=1\" srcset=\"https:\/\/i0.wp.com\/itayachtscanada.com\/wp-content\/uploads\/2025\/02\/Capture-decran-le-2025-02-09-a-09.09.18.jpg?w=742&amp;ssl=1 742w, https:\/\/i0.wp.com\/itayachtscanada.com\/wp-content\/uploads\/2025\/02\/Capture-decran-le-2025-02-09-a-09.09.18.jpg?resize=223%2C300&amp;ssl=1 223w, https:\/\/i0.wp.com\/itayachtscanada.com\/wp-content\/uploads\/2025\/02\/Capture-decran-le-2025-02-09-a-09.09.18.jpg?resize=700%2C942&amp;ssl=1 700w, https:\/\/i0.wp.com\/itayachtscanada.com\/wp-content\/uploads\/2025\/02\/Capture-decran-le-2025-02-09-a-09.09.18.jpg?resize=297%2C400&amp;ssl=1 297w\" width=\"446\" height=\"600\" loading=\"lazy\" data-original-width=\"446\" data-original-height=\"600\" itemprop=\"http:\/\/schema.org\/image\" title=\"Capture d\u2019e\u0301cran, le 2025-02-09 a\u0300 09.09.18\" alt=\"Capture d\u2019e\u0301cran, le 2025-02-09 a\u0300 09.09.18\" style=\"width: 446px; height: 600px;\" \/> <\/a> <\/div> <\/div> <!-- close group --> <div class=\"gallery-group images-3\" style=\"width: 250px; height: 604px;\" data-original-width=\"250\" data-original-height=\"604\" > <div class=\"tiled-gallery-item tiled-gallery-item-small\" itemprop=\"associatedMedia\" itemscope itemtype=\"http:\/\/schema.org\/ImageObject\"> <a href=\"https:\/\/itayachtscanada.com\/fr\/listing\/maritimo-m60-2024-3399000-usd-for-sale\/capture-decran-le-2025-02-09-a-09-09-25\/\" border=\"0\" itemprop=\"url\"> <meta itemprop=\"width\" content=\"246\"> <meta itemprop=\"height\" content=\"185\"> <img decoding=\"async\" class=\"\" data-attachment-id=\"204172\" data-orig-file=\"https:\/\/itayachtscanada.com\/wp-content\/uploads\/2025\/02\/Capture-decran-le-2025-02-09-a-09.09.25.jpg\" data-orig-size=\"1328,998\" data-comments-opened=\"1\" data-image-meta=\"{&quot;aperture&quot;:&quot;0&quot;,&quot;credit&quot;:&quot;&quot;,&quot;camera&quot;:&quot;&quot;,&quot;caption&quot;:&quot;&quot;,&quot;created_timestamp&quot;:&quot;0&quot;,&quot;copyright&quot;:&quot;&quot;,&quot;focal_length&quot;:&quot;0&quot;,&quot;iso&quot;:&quot;0&quot;,&quot;shutter_speed&quot;:&quot;0&quot;,&quot;title&quot;:&quot;&quot;,&quot;orientation&quot;:&quot;0&quot;}\" data-image-title=\"Capture d\u2019e\u0301cran, le 2025-02-09 a\u0300 09.09.25\" data-image-description=\"\" data-medium-file=\"https:\/\/i0.wp.com\/itayachtscanada.com\/wp-content\/uploads\/2025\/02\/Capture-decran-le-2025-02-09-a-09.09.25.jpg?fit=300%2C225&#038;ssl=1\" data-large-file=\"https:\/\/i0.wp.com\/itayachtscanada.com\/wp-content\/uploads\/2025\/02\/Capture-decran-le-2025-02-09-a-09.09.25.jpg?fit=700%2C526&#038;ssl=1\" src=\"https:\/\/i0.wp.com\/itayachtscanada.com\/wp-content\/uploads\/2025\/02\/Capture-decran-le-2025-02-09-a-09.09.25.jpg?w=246&#038;h=185&#038;ssl=1\" srcset=\"https:\/\/i0.wp.com\/itayachtscanada.com\/wp-content\/uploads\/2025\/02\/Capture-decran-le-2025-02-09-a-09.09.25.jpg?w=1328&amp;ssl=1 1328w, https:\/\/i0.wp.com\/itayachtscanada.com\/wp-content\/uploads\/2025\/02\/Capture-decran-le-2025-02-09-a-09.09.25.jpg?resize=300%2C225&amp;ssl=1 300w, https:\/\/i0.wp.com\/itayachtscanada.com\/wp-content\/uploads\/2025\/02\/Capture-decran-le-2025-02-09-a-09.09.25.jpg?resize=1024%2C770&amp;ssl=1 1024w, https:\/\/i0.wp.com\/itayachtscanada.com\/wp-content\/uploads\/2025\/02\/Capture-decran-le-2025-02-09-a-09.09.25.jpg?resize=768%2C577&amp;ssl=1 768w, https:\/\/i0.wp.com\/itayachtscanada.com\/wp-content\/uploads\/2025\/02\/Capture-decran-le-2025-02-09-a-09.09.25.jpg?resize=700%2C526&amp;ssl=1 700w, https:\/\/i0.wp.com\/itayachtscanada.com\/wp-content\/uploads\/2025\/02\/Capture-decran-le-2025-02-09-a-09.09.25.jpg?resize=532%2C400&amp;ssl=1 532w\" width=\"246\" height=\"185\" loading=\"lazy\" data-original-width=\"246\" data-original-height=\"185\" itemprop=\"http:\/\/schema.org\/image\" title=\"Capture d\u2019e\u0301cran, le 2025-02-09 a\u0300 09.09.25\" alt=\"Capture d\u2019e\u0301cran, le 2025-02-09 a\u0300 09.09.25\" style=\"width: 246px; height: 185px;\" \/> <\/a> <\/div> <div class=\"tiled-gallery-item tiled-gallery-item-small\" itemprop=\"associatedMedia\" itemscope itemtype=\"http:\/\/schema.org\/ImageObject\"> <a href=\"https:\/\/itayachtscanada.com\/fr\/listing\/maritimo-m60-2024-3399000-usd-for-sale\/capture-decran-le-2025-02-09-a-09-17-15\/\" border=\"0\" itemprop=\"url\"> <meta itemprop=\"width\" content=\"246\"> <meta itemprop=\"height\" content=\"204\"> <img decoding=\"async\" class=\"\" data-attachment-id=\"204202\" data-orig-file=\"https:\/\/itayachtscanada.com\/wp-content\/uploads\/2025\/02\/Capture-decran-le-2025-02-09-a-09.17.15.jpg\" data-orig-size=\"1216,1004\" data-comments-opened=\"1\" data-image-meta=\"{&quot;aperture&quot;:&quot;0&quot;,&quot;credit&quot;:&quot;&quot;,&quot;camera&quot;:&quot;&quot;,&quot;caption&quot;:&quot;&quot;,&quot;created_timestamp&quot;:&quot;0&quot;,&quot;copyright&quot;:&quot;&quot;,&quot;focal_length&quot;:&quot;0&quot;,&quot;iso&quot;:&quot;0&quot;,&quot;shutter_speed&quot;:&quot;0&quot;,&quot;title&quot;:&quot;&quot;,&quot;orientation&quot;:&quot;0&quot;}\" data-image-title=\"Capture d\u2019e\u0301cran, le 2025-02-09 a\u0300 09.17.15\" data-image-description=\"\" data-medium-file=\"https:\/\/i0.wp.com\/itayachtscanada.com\/wp-content\/uploads\/2025\/02\/Capture-decran-le-2025-02-09-a-09.17.15.jpg?fit=300%2C248&#038;ssl=1\" data-large-file=\"https:\/\/i0.wp.com\/itayachtscanada.com\/wp-content\/uploads\/2025\/02\/Capture-decran-le-2025-02-09-a-09.17.15.jpg?fit=700%2C578&#038;ssl=1\" src=\"https:\/\/i0.wp.com\/itayachtscanada.com\/wp-content\/uploads\/2025\/02\/Capture-decran-le-2025-02-09-a-09.17.15.jpg?w=246&#038;h=204&#038;ssl=1\" srcset=\"https:\/\/i0.wp.com\/itayachtscanada.com\/wp-content\/uploads\/2025\/02\/Capture-decran-le-2025-02-09-a-09.17.15.jpg?w=1216&amp;ssl=1 1216w, https:\/\/i0.wp.com\/itayachtscanada.com\/wp-content\/uploads\/2025\/02\/Capture-decran-le-2025-02-09-a-09.17.15.jpg?resize=300%2C248&amp;ssl=1 300w, https:\/\/i0.wp.com\/itayachtscanada.com\/wp-content\/uploads\/2025\/02\/Capture-decran-le-2025-02-09-a-09.17.15.jpg?resize=1024%2C845&amp;ssl=1 1024w, https:\/\/i0.wp.com\/itayachtscanada.com\/wp-content\/uploads\/2025\/02\/Capture-decran-le-2025-02-09-a-09.17.15.jpg?resize=768%2C634&amp;ssl=1 768w, https:\/\/i0.wp.com\/itayachtscanada.com\/wp-content\/uploads\/2025\/02\/Capture-decran-le-2025-02-09-a-09.17.15.jpg?resize=700%2C578&amp;ssl=1 700w, https:\/\/i0.wp.com\/itayachtscanada.com\/wp-content\/uploads\/2025\/02\/Capture-decran-le-2025-02-09-a-09.17.15.jpg?resize=484%2C400&amp;ssl=1 484w\" width=\"246\" height=\"204\" loading=\"lazy\" data-original-width=\"246\" data-original-height=\"204\" itemprop=\"http:\/\/schema.org\/image\" title=\"Capture d\u2019e\u0301cran, le 2025-02-09 a\u0300 09.17.15\" alt=\"Capture d\u2019e\u0301cran, le 2025-02-09 a\u0300 09.17.15\" style=\"width: 246px; height: 204px;\" \/> <\/a> <\/div> <div class=\"tiled-gallery-item tiled-gallery-item-small\" itemprop=\"associatedMedia\" itemscope itemtype=\"http:\/\/schema.org\/ImageObject\"> <a href=\"https:\/\/itayachtscanada.com\/fr\/listing\/maritimo-m60-2024-3399000-usd-for-sale\/capture-decran-le-2025-02-09-a-09-17-03\/\" border=\"0\" itemprop=\"url\"> <meta itemprop=\"width\" content=\"246\"> <meta itemprop=\"height\" content=\"203\"> <img decoding=\"async\" class=\"\" data-attachment-id=\"204204\" data-orig-file=\"https:\/\/itayachtscanada.com\/wp-content\/uploads\/2025\/02\/Capture-decran-le-2025-02-09-a-09.17.03.jpg\" data-orig-size=\"1216,1004\" data-comments-opened=\"1\" data-image-meta=\"{&quot;aperture&quot;:&quot;0&quot;,&quot;credit&quot;:&quot;&quot;,&quot;camera&quot;:&quot;&quot;,&quot;caption&quot;:&quot;&quot;,&quot;created_timestamp&quot;:&quot;0&quot;,&quot;copyright&quot;:&quot;&quot;,&quot;focal_length&quot;:&quot;0&quot;,&quot;iso&quot;:&quot;0&quot;,&quot;shutter_speed&quot;:&quot;0&quot;,&quot;title&quot;:&quot;&quot;,&quot;orientation&quot;:&quot;0&quot;}\" data-image-title=\"Capture d\u2019e\u0301cran, le 2025-02-09 a\u0300 09.17.03\" data-image-description=\"\" data-medium-file=\"https:\/\/i0.wp.com\/itayachtscanada.com\/wp-content\/uploads\/2025\/02\/Capture-decran-le-2025-02-09-a-09.17.03.jpg?fit=300%2C248&#038;ssl=1\" data-large-file=\"https:\/\/i0.wp.com\/itayachtscanada.com\/wp-content\/uploads\/2025\/02\/Capture-decran-le-2025-02-09-a-09.17.03.jpg?fit=700%2C578&#038;ssl=1\" src=\"https:\/\/i0.wp.com\/itayachtscanada.com\/wp-content\/uploads\/2025\/02\/Capture-decran-le-2025-02-09-a-09.17.03.jpg?w=246&#038;h=203&#038;ssl=1\" srcset=\"https:\/\/i0.wp.com\/itayachtscanada.com\/wp-content\/uploads\/2025\/02\/Capture-decran-le-2025-02-09-a-09.17.03.jpg?w=1216&amp;ssl=1 1216w, https:\/\/i0.wp.com\/itayachtscanada.com\/wp-content\/uploads\/2025\/02\/Capture-decran-le-2025-02-09-a-09.17.03.jpg?resize=300%2C248&amp;ssl=1 300w, https:\/\/i0.wp.com\/itayachtscanada.com\/wp-content\/uploads\/2025\/02\/Capture-decran-le-2025-02-09-a-09.17.03.jpg?resize=1024%2C845&amp;ssl=1 1024w, https:\/\/i0.wp.com\/itayachtscanada.com\/wp-content\/uploads\/2025\/02\/Capture-decran-le-2025-02-09-a-09.17.03.jpg?resize=768%2C634&amp;ssl=1 768w, https:\/\/i0.wp.com\/itayachtscanada.com\/wp-content\/uploads\/2025\/02\/Capture-decran-le-2025-02-09-a-09.17.03.jpg?resize=700%2C578&amp;ssl=1 700w, https:\/\/i0.wp.com\/itayachtscanada.com\/wp-content\/uploads\/2025\/02\/Capture-decran-le-2025-02-09-a-09.17.03.jpg?resize=484%2C400&amp;ssl=1 484w\" width=\"246\" height=\"203\" loading=\"lazy\" data-original-width=\"246\" data-original-height=\"203\" itemprop=\"http:\/\/schema.org\/image\" title=\"Capture d\u2019e\u0301cran, le 2025-02-09 a\u0300 09.17.03\" alt=\"Capture d\u2019e\u0301cran, le 2025-02-09 a\u0300 09.17.03\" style=\"width: 246px; height: 203px;\" \/> <\/a> <\/div> <\/div> <!-- close group --> <\/div> <!-- close row --> <div class=\"gallery-row\" style=\"width: 700px; height: 331px;\" data-original-width=\"700\" data-original-height=\"331\" > <div class=\"gallery-group images-2\" style=\"width: 263px; height: 331px;\" data-original-width=\"263\" data-original-height=\"331\" > <div class=\"tiled-gallery-item tiled-gallery-item-large\" itemprop=\"associatedMedia\" itemscope itemtype=\"http:\/\/schema.org\/ImageObject\"> <a href=\"https:\/\/itayachtscanada.com\/fr\/listing\/maritimo-m60-2024-3399000-usd-for-sale\/capture-decran-le-2025-02-09-a-09-16-52\/\" border=\"0\" itemprop=\"url\"> <meta itemprop=\"width\" content=\"259\"> <meta itemprop=\"height\" content=\"177\"> <img decoding=\"async\" class=\"\" data-attachment-id=\"204205\" data-orig-file=\"https:\/\/itayachtscanada.com\/wp-content\/uploads\/2025\/02\/Capture-decran-le-2025-02-09-a-09.16.52.jpg\" data-orig-size=\"1466,1004\" data-comments-opened=\"1\" data-image-meta=\"{&quot;aperture&quot;:&quot;0&quot;,&quot;credit&quot;:&quot;&quot;,&quot;camera&quot;:&quot;&quot;,&quot;caption&quot;:&quot;&quot;,&quot;created_timestamp&quot;:&quot;0&quot;,&quot;copyright&quot;:&quot;&quot;,&quot;focal_length&quot;:&quot;0&quot;,&quot;iso&quot;:&quot;0&quot;,&quot;shutter_speed&quot;:&quot;0&quot;,&quot;title&quot;:&quot;&quot;,&quot;orientation&quot;:&quot;0&quot;}\" data-image-title=\"Capture d\u2019e\u0301cran, le 2025-02-09 a\u0300 09.16.52\" data-image-description=\"\" data-medium-file=\"https:\/\/i0.wp.com\/itayachtscanada.com\/wp-content\/uploads\/2025\/02\/Capture-decran-le-2025-02-09-a-09.16.52.jpg?fit=300%2C205&#038;ssl=1\" data-large-file=\"https:\/\/i0.wp.com\/itayachtscanada.com\/wp-content\/uploads\/2025\/02\/Capture-decran-le-2025-02-09-a-09.16.52.jpg?fit=700%2C479&#038;ssl=1\" src=\"https:\/\/i0.wp.com\/itayachtscanada.com\/wp-content\/uploads\/2025\/02\/Capture-decran-le-2025-02-09-a-09.16.52.jpg?w=259&#038;h=177&#038;ssl=1\" srcset=\"https:\/\/i0.wp.com\/itayachtscanada.com\/wp-content\/uploads\/2025\/02\/Capture-decran-le-2025-02-09-a-09.16.52.jpg?w=1466&amp;ssl=1 1466w, https:\/\/i0.wp.com\/itayachtscanada.com\/wp-content\/uploads\/2025\/02\/Capture-decran-le-2025-02-09-a-09.16.52.jpg?resize=300%2C205&amp;ssl=1 300w, https:\/\/i0.wp.com\/itayachtscanada.com\/wp-content\/uploads\/2025\/02\/Capture-decran-le-2025-02-09-a-09.16.52.jpg?resize=1024%2C701&amp;ssl=1 1024w, https:\/\/i0.wp.com\/itayachtscanada.com\/wp-content\/uploads\/2025\/02\/Capture-decran-le-2025-02-09-a-09.16.52.jpg?resize=768%2C526&amp;ssl=1 768w, https:\/\/i0.wp.com\/itayachtscanada.com\/wp-content\/uploads\/2025\/02\/Capture-decran-le-2025-02-09-a-09.16.52.jpg?resize=700%2C479&amp;ssl=1 700w, https:\/\/i0.wp.com\/itayachtscanada.com\/wp-content\/uploads\/2025\/02\/Capture-decran-le-2025-02-09-a-09.16.52.jpg?resize=584%2C400&amp;ssl=1 584w, https:\/\/i0.wp.com\/itayachtscanada.com\/wp-content\/uploads\/2025\/02\/Capture-decran-le-2025-02-09-a-09.16.52.jpg?w=1400&amp;ssl=1 1400w\" width=\"259\" height=\"177\" loading=\"lazy\" data-original-width=\"259\" data-original-height=\"177\" itemprop=\"http:\/\/schema.org\/image\" title=\"Capture d\u2019e\u0301cran, le 2025-02-09 a\u0300 09.16.52\" alt=\"Capture d\u2019e\u0301cran, le 2025-02-09 a\u0300 09.16.52\" style=\"width: 259px; height: 177px;\" \/> <\/a> <\/div> <div class=\"tiled-gallery-item tiled-gallery-item-large\" itemprop=\"associatedMedia\" itemscope itemtype=\"http:\/\/schema.org\/ImageObject\"> <a href=\"https:\/\/itayachtscanada.com\/fr\/listing\/maritimo-m60-2024-3399000-usd-for-sale\/capture-decran-le-2025-02-09-a-09-10-40\/\" border=\"0\" itemprop=\"url\"> <meta itemprop=\"width\" content=\"259\"> <meta itemprop=\"height\" content=\"146\"> <img decoding=\"async\" class=\"\" data-attachment-id=\"204161\" data-orig-file=\"https:\/\/itayachtscanada.com\/wp-content\/uploads\/2025\/02\/Capture-decran-le-2025-02-09-a-09.10.40.jpg\" data-orig-size=\"1772,998\" data-comments-opened=\"1\" data-image-meta=\"{&quot;aperture&quot;:&quot;0&quot;,&quot;credit&quot;:&quot;&quot;,&quot;camera&quot;:&quot;&quot;,&quot;caption&quot;:&quot;&quot;,&quot;created_timestamp&quot;:&quot;0&quot;,&quot;copyright&quot;:&quot;&quot;,&quot;focal_length&quot;:&quot;0&quot;,&quot;iso&quot;:&quot;0&quot;,&quot;shutter_speed&quot;:&quot;0&quot;,&quot;title&quot;:&quot;&quot;,&quot;orientation&quot;:&quot;0&quot;}\" data-image-title=\"Capture d\u2019e\u0301cran, le 2025-02-09 a\u0300 09.10.40\" data-image-description=\"\" data-medium-file=\"https:\/\/i0.wp.com\/itayachtscanada.com\/wp-content\/uploads\/2025\/02\/Capture-decran-le-2025-02-09-a-09.10.40.jpg?fit=300%2C169&#038;ssl=1\" data-large-file=\"https:\/\/i0.wp.com\/itayachtscanada.com\/wp-content\/uploads\/2025\/02\/Capture-decran-le-2025-02-09-a-09.10.40.jpg?fit=700%2C394&#038;ssl=1\" src=\"https:\/\/i0.wp.com\/itayachtscanada.com\/wp-content\/uploads\/2025\/02\/Capture-decran-le-2025-02-09-a-09.10.40.jpg?w=259&#038;h=146&#038;ssl=1\" srcset=\"https:\/\/i0.wp.com\/itayachtscanada.com\/wp-content\/uploads\/2025\/02\/Capture-decran-le-2025-02-09-a-09.10.40.jpg?w=1772&amp;ssl=1 1772w, https:\/\/i0.wp.com\/itayachtscanada.com\/wp-content\/uploads\/2025\/02\/Capture-decran-le-2025-02-09-a-09.10.40.jpg?resize=300%2C169&amp;ssl=1 300w, https:\/\/i0.wp.com\/itayachtscanada.com\/wp-content\/uploads\/2025\/02\/Capture-decran-le-2025-02-09-a-09.10.40.jpg?resize=1024%2C577&amp;ssl=1 1024w, https:\/\/i0.wp.com\/itayachtscanada.com\/wp-content\/uploads\/2025\/02\/Capture-decran-le-2025-02-09-a-09.10.40.jpg?resize=768%2C433&amp;ssl=1 768w, https:\/\/i0.wp.com\/itayachtscanada.com\/wp-content\/uploads\/2025\/02\/Capture-decran-le-2025-02-09-a-09.10.40.jpg?resize=1536%2C865&amp;ssl=1 1536w, https:\/\/i0.wp.com\/itayachtscanada.com\/wp-content\/uploads\/2025\/02\/Capture-decran-le-2025-02-09-a-09.10.40.jpg?resize=700%2C394&amp;ssl=1 700w, https:\/\/i0.wp.com\/itayachtscanada.com\/wp-content\/uploads\/2025\/02\/Capture-decran-le-2025-02-09-a-09.10.40.jpg?resize=710%2C400&amp;ssl=1 710w, https:\/\/i0.wp.com\/itayachtscanada.com\/wp-content\/uploads\/2025\/02\/Capture-decran-le-2025-02-09-a-09.10.40.jpg?w=1400&amp;ssl=1 1400w\" width=\"259\" height=\"146\" loading=\"lazy\" data-original-width=\"259\" data-original-height=\"146\" itemprop=\"http:\/\/schema.org\/image\" title=\"Capture d\u2019e\u0301cran, le 2025-02-09 a\u0300 09.10.40\" alt=\"Capture d\u2019e\u0301cran, le 2025-02-09 a\u0300 09.10.40\" style=\"width: 259px; height: 146px;\" \/> <\/a> <\/div> <\/div> <!-- close group --> <div class=\"gallery-group images-1\" style=\"width: 437px; height: 331px;\" data-original-width=\"437\" data-original-height=\"331\" > <div class=\"tiled-gallery-item tiled-gallery-item-large\" itemprop=\"associatedMedia\" itemscope itemtype=\"http:\/\/schema.org\/ImageObject\"> <a href=\"https:\/\/itayachtscanada.com\/fr\/listing\/maritimo-m60-2024-3399000-usd-for-sale\/capture-decran-le-2025-02-09-a-09-10-32\/\" border=\"0\" itemprop=\"url\"> <meta itemprop=\"width\" content=\"433\"> <meta itemprop=\"height\" content=\"327\"> <img decoding=\"async\" class=\"\" data-attachment-id=\"204162\" data-orig-file=\"https:\/\/itayachtscanada.com\/wp-content\/uploads\/2025\/02\/Capture-decran-le-2025-02-09-a-09.10.32.jpg\" data-orig-size=\"1322,998\" data-comments-opened=\"1\" data-image-meta=\"{&quot;aperture&quot;:&quot;0&quot;,&quot;credit&quot;:&quot;&quot;,&quot;camera&quot;:&quot;&quot;,&quot;caption&quot;:&quot;&quot;,&quot;created_timestamp&quot;:&quot;0&quot;,&quot;copyright&quot;:&quot;&quot;,&quot;focal_length&quot;:&quot;0&quot;,&quot;iso&quot;:&quot;0&quot;,&quot;shutter_speed&quot;:&quot;0&quot;,&quot;title&quot;:&quot;&quot;,&quot;orientation&quot;:&quot;0&quot;}\" data-image-title=\"Capture d\u2019e\u0301cran, le 2025-02-09 a\u0300 09.10.32\" data-image-description=\"\" data-medium-file=\"https:\/\/i0.wp.com\/itayachtscanada.com\/wp-content\/uploads\/2025\/02\/Capture-decran-le-2025-02-09-a-09.10.32.jpg?fit=300%2C226&#038;ssl=1\" data-large-file=\"https:\/\/i0.wp.com\/itayachtscanada.com\/wp-content\/uploads\/2025\/02\/Capture-decran-le-2025-02-09-a-09.10.32.jpg?fit=700%2C528&#038;ssl=1\" src=\"https:\/\/i0.wp.com\/itayachtscanada.com\/wp-content\/uploads\/2025\/02\/Capture-decran-le-2025-02-09-a-09.10.32.jpg?w=433&#038;h=327&#038;ssl=1\" srcset=\"https:\/\/i0.wp.com\/itayachtscanada.com\/wp-content\/uploads\/2025\/02\/Capture-decran-le-2025-02-09-a-09.10.32.jpg?w=1322&amp;ssl=1 1322w, https:\/\/i0.wp.com\/itayachtscanada.com\/wp-content\/uploads\/2025\/02\/Capture-decran-le-2025-02-09-a-09.10.32.jpg?resize=300%2C226&amp;ssl=1 300w, https:\/\/i0.wp.com\/itayachtscanada.com\/wp-content\/uploads\/2025\/02\/Capture-decran-le-2025-02-09-a-09.10.32.jpg?resize=1024%2C773&amp;ssl=1 1024w, https:\/\/i0.wp.com\/itayachtscanada.com\/wp-content\/uploads\/2025\/02\/Capture-decran-le-2025-02-09-a-09.10.32.jpg?resize=768%2C580&amp;ssl=1 768w, https:\/\/i0.wp.com\/itayachtscanada.com\/wp-content\/uploads\/2025\/02\/Capture-decran-le-2025-02-09-a-09.10.32.jpg?resize=700%2C528&amp;ssl=1 700w, https:\/\/i0.wp.com\/itayachtscanada.com\/wp-content\/uploads\/2025\/02\/Capture-decran-le-2025-02-09-a-09.10.32.jpg?resize=530%2C400&amp;ssl=1 530w\" width=\"433\" height=\"327\" loading=\"lazy\" data-original-width=\"433\" data-original-height=\"327\" itemprop=\"http:\/\/schema.org\/image\" title=\"Capture d\u2019e\u0301cran, le 2025-02-09 a\u0300 09.10.32\" alt=\"Capture d\u2019e\u0301cran, le 2025-02-09 a\u0300 09.10.32\" style=\"width: 433px; height: 327px;\" \/> <\/a> <\/div> <\/div> <!-- close group --> <\/div> <!-- close row --> <div class=\"gallery-row\" style=\"width: 700px; height: 300px;\" data-original-width=\"700\" data-original-height=\"300\" > <div class=\"gallery-group images-1\" style=\"width: 529px; height: 300px;\" data-original-width=\"529\" data-original-height=\"300\" > <div class=\"tiled-gallery-item tiled-gallery-item-large\" itemprop=\"associatedMedia\" itemscope itemtype=\"http:\/\/schema.org\/ImageObject\"> <a href=\"https:\/\/itayachtscanada.com\/fr\/listing\/maritimo-m60-2024-3399000-usd-for-sale\/capture-decran-le-2025-02-09-a-09-10-23\/\" border=\"0\" itemprop=\"url\"> <meta itemprop=\"width\" content=\"525\"> <meta itemprop=\"height\" content=\"296\"> <img decoding=\"async\" class=\"\" data-attachment-id=\"204163\" data-orig-file=\"https:\/\/itayachtscanada.com\/wp-content\/uploads\/2025\/02\/Capture-decran-le-2025-02-09-a-09.10.23.jpg\" data-orig-size=\"1772,998\" data-comments-opened=\"1\" data-image-meta=\"{&quot;aperture&quot;:&quot;0&quot;,&quot;credit&quot;:&quot;&quot;,&quot;camera&quot;:&quot;&quot;,&quot;caption&quot;:&quot;&quot;,&quot;created_timestamp&quot;:&quot;0&quot;,&quot;copyright&quot;:&quot;&quot;,&quot;focal_length&quot;:&quot;0&quot;,&quot;iso&quot;:&quot;0&quot;,&quot;shutter_speed&quot;:&quot;0&quot;,&quot;title&quot;:&quot;&quot;,&quot;orientation&quot;:&quot;0&quot;}\" data-image-title=\"Capture d\u2019e\u0301cran, le 2025-02-09 a\u0300 09.10.23\" data-image-description=\"\" data-medium-file=\"https:\/\/i0.wp.com\/itayachtscanada.com\/wp-content\/uploads\/2025\/02\/Capture-decran-le-2025-02-09-a-09.10.23.jpg?fit=300%2C169&#038;ssl=1\" data-large-file=\"https:\/\/i0.wp.com\/itayachtscanada.com\/wp-content\/uploads\/2025\/02\/Capture-decran-le-2025-02-09-a-09.10.23.jpg?fit=700%2C394&#038;ssl=1\" src=\"https:\/\/i0.wp.com\/itayachtscanada.com\/wp-content\/uploads\/2025\/02\/Capture-decran-le-2025-02-09-a-09.10.23.jpg?w=525&#038;h=296&#038;ssl=1\" srcset=\"https:\/\/i0.wp.com\/itayachtscanada.com\/wp-content\/uploads\/2025\/02\/Capture-decran-le-2025-02-09-a-09.10.23.jpg?w=1772&amp;ssl=1 1772w, https:\/\/i0.wp.com\/itayachtscanada.com\/wp-content\/uploads\/2025\/02\/Capture-decran-le-2025-02-09-a-09.10.23.jpg?resize=300%2C169&amp;ssl=1 300w, https:\/\/i0.wp.com\/itayachtscanada.com\/wp-content\/uploads\/2025\/02\/Capture-decran-le-2025-02-09-a-09.10.23.jpg?resize=1024%2C577&amp;ssl=1 1024w, https:\/\/i0.wp.com\/itayachtscanada.com\/wp-content\/uploads\/2025\/02\/Capture-decran-le-2025-02-09-a-09.10.23.jpg?resize=768%2C433&amp;ssl=1 768w, https:\/\/i0.wp.com\/itayachtscanada.com\/wp-content\/uploads\/2025\/02\/Capture-decran-le-2025-02-09-a-09.10.23.jpg?resize=1536%2C865&amp;ssl=1 1536w, https:\/\/i0.wp.com\/itayachtscanada.com\/wp-content\/uploads\/2025\/02\/Capture-decran-le-2025-02-09-a-09.10.23.jpg?resize=700%2C394&amp;ssl=1 700w, https:\/\/i0.wp.com\/itayachtscanada.com\/wp-content\/uploads\/2025\/02\/Capture-decran-le-2025-02-09-a-09.10.23.jpg?resize=710%2C400&amp;ssl=1 710w, https:\/\/i0.wp.com\/itayachtscanada.com\/wp-content\/uploads\/2025\/02\/Capture-decran-le-2025-02-09-a-09.10.23.jpg?w=1400&amp;ssl=1 1400w\" width=\"525\" height=\"296\" loading=\"lazy\" data-original-width=\"525\" data-original-height=\"296\" itemprop=\"http:\/\/schema.org\/image\" title=\"Capture d\u2019e\u0301cran, le 2025-02-09 a\u0300 09.10.23\" alt=\"Capture d\u2019e\u0301cran, le 2025-02-09 a\u0300 09.10.23\" style=\"width: 525px; height: 296px;\" \/> <\/a> <\/div> <\/div> <!-- close group --> <div class=\"gallery-group images-1\" style=\"width: 171px; height: 300px;\" data-original-width=\"171\" data-original-height=\"300\" > <div class=\"tiled-gallery-item tiled-gallery-item-small\" itemprop=\"associatedMedia\" itemscope itemtype=\"http:\/\/schema.org\/ImageObject\"> <a href=\"https:\/\/itayachtscanada.com\/fr\/listing\/maritimo-m60-2024-3399000-usd-for-sale\/capture-decran-le-2025-02-09-a-09-10-14\/\" border=\"0\" itemprop=\"url\"> <meta itemprop=\"width\" content=\"167\"> <meta itemprop=\"height\" content=\"296\"> <img decoding=\"async\" class=\"\" data-attachment-id=\"204164\" data-orig-file=\"https:\/\/itayachtscanada.com\/wp-content\/uploads\/2025\/02\/Capture-decran-le-2025-02-09-a-09.10.14.jpg\" data-orig-size=\"562,998\" data-comments-opened=\"1\" data-image-meta=\"{&quot;aperture&quot;:&quot;0&quot;,&quot;credit&quot;:&quot;&quot;,&quot;camera&quot;:&quot;&quot;,&quot;caption&quot;:&quot;&quot;,&quot;created_timestamp&quot;:&quot;0&quot;,&quot;copyright&quot;:&quot;&quot;,&quot;focal_length&quot;:&quot;0&quot;,&quot;iso&quot;:&quot;0&quot;,&quot;shutter_speed&quot;:&quot;0&quot;,&quot;title&quot;:&quot;&quot;,&quot;orientation&quot;:&quot;0&quot;}\" data-image-title=\"Capture d\u2019e\u0301cran, le 2025-02-09 a\u0300 09.10.14\" data-image-description=\"\" data-medium-file=\"https:\/\/i0.wp.com\/itayachtscanada.com\/wp-content\/uploads\/2025\/02\/Capture-decran-le-2025-02-09-a-09.10.14.jpg?fit=169%2C300&#038;ssl=1\" data-large-file=\"https:\/\/i0.wp.com\/itayachtscanada.com\/wp-content\/uploads\/2025\/02\/Capture-decran-le-2025-02-09-a-09.10.14.jpg?fit=562%2C998&#038;ssl=1\" src=\"https:\/\/i0.wp.com\/itayachtscanada.com\/wp-content\/uploads\/2025\/02\/Capture-decran-le-2025-02-09-a-09.10.14.jpg?w=167&#038;h=296&#038;ssl=1\" srcset=\"https:\/\/i0.wp.com\/itayachtscanada.com\/wp-content\/uploads\/2025\/02\/Capture-decran-le-2025-02-09-a-09.10.14.jpg?w=562&amp;ssl=1 562w, https:\/\/i0.wp.com\/itayachtscanada.com\/wp-content\/uploads\/2025\/02\/Capture-decran-le-2025-02-09-a-09.10.14.jpg?resize=169%2C300&amp;ssl=1 169w, https:\/\/i0.wp.com\/itayachtscanada.com\/wp-content\/uploads\/2025\/02\/Capture-decran-le-2025-02-09-a-09.10.14.jpg?resize=225%2C400&amp;ssl=1 225w\" width=\"167\" height=\"296\" loading=\"lazy\" data-original-width=\"167\" data-original-height=\"296\" itemprop=\"http:\/\/schema.org\/image\" title=\"Capture d\u2019e\u0301cran, le 2025-02-09 a\u0300 09.10.14\" alt=\"Capture d\u2019e\u0301cran, le 2025-02-09 a\u0300 09.10.14\" style=\"width: 167px; height: 296px;\" \/> <\/a> <\/div> <\/div> <!-- close group --> <\/div> <!-- close row --> <div class=\"gallery-row\" style=\"width: 700px; height: 265px;\" data-original-width=\"700\" data-original-height=\"265\" > <div class=\"gallery-group images-1\" style=\"width: 350px; height: 265px;\" data-original-width=\"350\" data-original-height=\"265\" > <div class=\"tiled-gallery-item tiled-gallery-item-large\" itemprop=\"associatedMedia\" itemscope itemtype=\"http:\/\/schema.org\/ImageObject\"> <a href=\"https:\/\/itayachtscanada.com\/fr\/listing\/maritimo-m60-2024-3399000-usd-for-sale\/capture-decran-le-2025-02-09-a-09-10-11\/\" border=\"0\" itemprop=\"url\"> <meta itemprop=\"width\" content=\"346\"> <meta itemprop=\"height\" content=\"261\"> <img decoding=\"async\" class=\"\" data-attachment-id=\"204165\" data-orig-file=\"https:\/\/itayachtscanada.com\/wp-content\/uploads\/2025\/02\/Capture-decran-le-2025-02-09-a-09.10.11.jpg\" data-orig-size=\"1324,998\" data-comments-opened=\"1\" data-image-meta=\"{&quot;aperture&quot;:&quot;0&quot;,&quot;credit&quot;:&quot;&quot;,&quot;camera&quot;:&quot;&quot;,&quot;caption&quot;:&quot;&quot;,&quot;created_timestamp&quot;:&quot;0&quot;,&quot;copyright&quot;:&quot;&quot;,&quot;focal_length&quot;:&quot;0&quot;,&quot;iso&quot;:&quot;0&quot;,&quot;shutter_speed&quot;:&quot;0&quot;,&quot;title&quot;:&quot;&quot;,&quot;orientation&quot;:&quot;0&quot;}\" data-image-title=\"Capture d\u2019e\u0301cran, le 2025-02-09 a\u0300 09.10.11\" data-image-description=\"\" data-medium-file=\"https:\/\/i0.wp.com\/itayachtscanada.com\/wp-content\/uploads\/2025\/02\/Capture-decran-le-2025-02-09-a-09.10.11.jpg?fit=300%2C226&#038;ssl=1\" data-large-file=\"https:\/\/i0.wp.com\/itayachtscanada.com\/wp-content\/uploads\/2025\/02\/Capture-decran-le-2025-02-09-a-09.10.11.jpg?fit=700%2C528&#038;ssl=1\" src=\"https:\/\/i0.wp.com\/itayachtscanada.com\/wp-content\/uploads\/2025\/02\/Capture-decran-le-2025-02-09-a-09.10.11.jpg?w=346&#038;h=261&#038;ssl=1\" srcset=\"https:\/\/i0.wp.com\/itayachtscanada.com\/wp-content\/uploads\/2025\/02\/Capture-decran-le-2025-02-09-a-09.10.11.jpg?w=1324&amp;ssl=1 1324w, https:\/\/i0.wp.com\/itayachtscanada.com\/wp-content\/uploads\/2025\/02\/Capture-decran-le-2025-02-09-a-09.10.11.jpg?resize=300%2C226&amp;ssl=1 300w, https:\/\/i0.wp.com\/itayachtscanada.com\/wp-content\/uploads\/2025\/02\/Capture-decran-le-2025-02-09-a-09.10.11.jpg?resize=1024%2C772&amp;ssl=1 1024w, https:\/\/i0.wp.com\/itayachtscanada.com\/wp-content\/uploads\/2025\/02\/Capture-decran-le-2025-02-09-a-09.10.11.jpg?resize=768%2C579&amp;ssl=1 768w, https:\/\/i0.wp.com\/itayachtscanada.com\/wp-content\/uploads\/2025\/02\/Capture-decran-le-2025-02-09-a-09.10.11.jpg?resize=700%2C528&amp;ssl=1 700w, https:\/\/i0.wp.com\/itayachtscanada.com\/wp-content\/uploads\/2025\/02\/Capture-decran-le-2025-02-09-a-09.10.11.jpg?resize=531%2C400&amp;ssl=1 531w\" width=\"346\" height=\"261\" loading=\"lazy\" data-original-width=\"346\" data-original-height=\"261\" itemprop=\"http:\/\/schema.org\/image\" title=\"Capture d\u2019e\u0301cran, le 2025-02-09 a\u0300 09.10.11\" alt=\"Capture d\u2019e\u0301cran, le 2025-02-09 a\u0300 09.10.11\" style=\"width: 346px; height: 261px;\" \/> <\/a> <\/div> <\/div> <!-- close group --> <div class=\"gallery-group images-1\" style=\"width: 350px; height: 265px;\" data-original-width=\"350\" data-original-height=\"265\" > <div class=\"tiled-gallery-item tiled-gallery-item-large\" itemprop=\"associatedMedia\" itemscope itemtype=\"http:\/\/schema.org\/ImageObject\"> <a href=\"https:\/\/itayachtscanada.com\/fr\/listing\/maritimo-m60-2024-3399000-usd-for-sale\/capture-decran-le-2025-02-09-a-09-10-03\/\" border=\"0\" itemprop=\"url\"> <meta itemprop=\"width\" content=\"346\"> <meta itemprop=\"height\" content=\"261\"> <img decoding=\"async\" class=\"\" data-attachment-id=\"204166\" data-orig-file=\"https:\/\/itayachtscanada.com\/wp-content\/uploads\/2025\/02\/Capture-decran-le-2025-02-09-a-09.10.03.jpg\" data-orig-size=\"1324,998\" data-comments-opened=\"1\" data-image-meta=\"{&quot;aperture&quot;:&quot;0&quot;,&quot;credit&quot;:&quot;&quot;,&quot;camera&quot;:&quot;&quot;,&quot;caption&quot;:&quot;&quot;,&quot;created_timestamp&quot;:&quot;0&quot;,&quot;copyright&quot;:&quot;&quot;,&quot;focal_length&quot;:&quot;0&quot;,&quot;iso&quot;:&quot;0&quot;,&quot;shutter_speed&quot;:&quot;0&quot;,&quot;title&quot;:&quot;&quot;,&quot;orientation&quot;:&quot;0&quot;}\" data-image-title=\"Capture d\u2019e\u0301cran, le 2025-02-09 a\u0300 09.10.03\" data-image-description=\"\" data-medium-file=\"https:\/\/i0.wp.com\/itayachtscanada.com\/wp-content\/uploads\/2025\/02\/Capture-decran-le-2025-02-09-a-09.10.03.jpg?fit=300%2C226&#038;ssl=1\" data-large-file=\"https:\/\/i0.wp.com\/itayachtscanada.com\/wp-content\/uploads\/2025\/02\/Capture-decran-le-2025-02-09-a-09.10.03.jpg?fit=700%2C528&#038;ssl=1\" src=\"https:\/\/i0.wp.com\/itayachtscanada.com\/wp-content\/uploads\/2025\/02\/Capture-decran-le-2025-02-09-a-09.10.03.jpg?w=346&#038;h=261&#038;ssl=1\" srcset=\"https:\/\/i0.wp.com\/itayachtscanada.com\/wp-content\/uploads\/2025\/02\/Capture-decran-le-2025-02-09-a-09.10.03.jpg?w=1324&amp;ssl=1 1324w, https:\/\/i0.wp.com\/itayachtscanada.com\/wp-content\/uploads\/2025\/02\/Capture-decran-le-2025-02-09-a-09.10.03.jpg?resize=300%2C226&amp;ssl=1 300w, https:\/\/i0.wp.com\/itayachtscanada.com\/wp-content\/uploads\/2025\/02\/Capture-decran-le-2025-02-09-a-09.10.03.jpg?resize=1024%2C772&amp;ssl=1 1024w, https:\/\/i0.wp.com\/itayachtscanada.com\/wp-content\/uploads\/2025\/02\/Capture-decran-le-2025-02-09-a-09.10.03.jpg?resize=768%2C579&amp;ssl=1 768w, https:\/\/i0.wp.com\/itayachtscanada.com\/wp-content\/uploads\/2025\/02\/Capture-decran-le-2025-02-09-a-09.10.03.jpg?resize=700%2C528&amp;ssl=1 700w, https:\/\/i0.wp.com\/itayachtscanada.com\/wp-content\/uploads\/2025\/02\/Capture-decran-le-2025-02-09-a-09.10.03.jpg?resize=531%2C400&amp;ssl=1 531w\" width=\"346\" height=\"261\" loading=\"lazy\" data-original-width=\"346\" data-original-height=\"261\" itemprop=\"http:\/\/schema.org\/image\" title=\"Capture d\u2019e\u0301cran, le 2025-02-09 a\u0300 09.10.03\" alt=\"Capture d\u2019e\u0301cran, le 2025-02-09 a\u0300 09.10.03\" style=\"width: 346px; height: 261px;\" \/> <\/a> <\/div> <\/div> <!-- close group --> <\/div> <!-- close row --> <div class=\"gallery-row\" style=\"width: 700px; height: 312px;\" data-original-width=\"700\" data-original-height=\"312\" > <div class=\"gallery-group images-1\" style=\"width: 234px; height: 312px;\" data-original-width=\"234\" data-original-height=\"312\" > <div class=\"tiled-gallery-item tiled-gallery-item-small\" itemprop=\"associatedMedia\" itemscope itemtype=\"http:\/\/schema.org\/ImageObject\"> <a href=\"https:\/\/itayachtscanada.com\/fr\/listing\/maritimo-m60-2024-3399000-usd-for-sale\/capture-decran-le-2025-02-09-a-09-09-59\/\" border=\"0\" itemprop=\"url\"> <meta itemprop=\"width\" content=\"230\"> <meta itemprop=\"height\" content=\"308\"> <img decoding=\"async\" class=\"\" data-attachment-id=\"204167\" data-orig-file=\"https:\/\/itayachtscanada.com\/wp-content\/uploads\/2025\/02\/Capture-decran-le-2025-02-09-a-09.09.59.jpg\" data-orig-size=\"742,998\" data-comments-opened=\"1\" data-image-meta=\"{&quot;aperture&quot;:&quot;0&quot;,&quot;credit&quot;:&quot;&quot;,&quot;camera&quot;:&quot;&quot;,&quot;caption&quot;:&quot;&quot;,&quot;created_timestamp&quot;:&quot;0&quot;,&quot;copyright&quot;:&quot;&quot;,&quot;focal_length&quot;:&quot;0&quot;,&quot;iso&quot;:&quot;0&quot;,&quot;shutter_speed&quot;:&quot;0&quot;,&quot;title&quot;:&quot;&quot;,&quot;orientation&quot;:&quot;0&quot;}\" data-image-title=\"Capture d\u2019e\u0301cran, le 2025-02-09 a\u0300 09.09.59\" data-image-description=\"\" data-medium-file=\"https:\/\/i0.wp.com\/itayachtscanada.com\/wp-content\/uploads\/2025\/02\/Capture-decran-le-2025-02-09-a-09.09.59.jpg?fit=223%2C300&#038;ssl=1\" data-large-file=\"https:\/\/i0.wp.com\/itayachtscanada.com\/wp-content\/uploads\/2025\/02\/Capture-decran-le-2025-02-09-a-09.09.59.jpg?fit=700%2C942&#038;ssl=1\" src=\"https:\/\/i0.wp.com\/itayachtscanada.com\/wp-content\/uploads\/2025\/02\/Capture-decran-le-2025-02-09-a-09.09.59.jpg?w=230&#038;h=308&#038;ssl=1\" srcset=\"https:\/\/i0.wp.com\/itayachtscanada.com\/wp-content\/uploads\/2025\/02\/Capture-decran-le-2025-02-09-a-09.09.59.jpg?w=742&amp;ssl=1 742w, https:\/\/i0.wp.com\/itayachtscanada.com\/wp-content\/uploads\/2025\/02\/Capture-decran-le-2025-02-09-a-09.09.59.jpg?resize=223%2C300&amp;ssl=1 223w\" width=\"230\" height=\"308\" loading=\"lazy\" data-original-width=\"230\" data-original-height=\"308\" itemprop=\"http:\/\/schema.org\/image\" title=\"Capture d\u2019e\u0301cran, le 2025-02-09 a\u0300 09.09.59\" alt=\"Capture d\u2019e\u0301cran, le 2025-02-09 a\u0300 09.09.59\" style=\"width: 230px; height: 308px;\" \/> <\/a> <\/div> <\/div> <!-- close group --> <div class=\"gallery-group images-1\" style=\"width: 233px; height: 312px;\" data-original-width=\"233\" data-original-height=\"312\" > <div class=\"tiled-gallery-item tiled-gallery-item-small\" itemprop=\"associatedMedia\" itemscope itemtype=\"http:\/\/schema.org\/ImageObject\"> <a href=\"https:\/\/itayachtscanada.com\/fr\/listing\/maritimo-m60-2024-3399000-usd-for-sale\/capture-decran-le-2025-02-09-a-09-09-56\/\" border=\"0\" itemprop=\"url\"> <meta itemprop=\"width\" content=\"229\"> <meta itemprop=\"height\" content=\"308\"> <img decoding=\"async\" class=\"\" data-attachment-id=\"204168\" data-orig-file=\"https:\/\/itayachtscanada.com\/wp-content\/uploads\/2025\/02\/Capture-decran-le-2025-02-09-a-09.09.56.jpg\" data-orig-size=\"742,998\" data-comments-opened=\"1\" data-image-meta=\"{&quot;aperture&quot;:&quot;0&quot;,&quot;credit&quot;:&quot;&quot;,&quot;camera&quot;:&quot;&quot;,&quot;caption&quot;:&quot;&quot;,&quot;created_timestamp&quot;:&quot;0&quot;,&quot;copyright&quot;:&quot;&quot;,&quot;focal_length&quot;:&quot;0&quot;,&quot;iso&quot;:&quot;0&quot;,&quot;shutter_speed&quot;:&quot;0&quot;,&quot;title&quot;:&quot;&quot;,&quot;orientation&quot;:&quot;0&quot;}\" data-image-title=\"Capture d\u2019e\u0301cran, le 2025-02-09 a\u0300 09.09.56\" data-image-description=\"\" data-medium-file=\"https:\/\/i0.wp.com\/itayachtscanada.com\/wp-content\/uploads\/2025\/02\/Capture-decran-le-2025-02-09-a-09.09.56.jpg?fit=223%2C300&#038;ssl=1\" data-large-file=\"https:\/\/i0.wp.com\/itayachtscanada.com\/wp-content\/uploads\/2025\/02\/Capture-decran-le-2025-02-09-a-09.09.56.jpg?fit=700%2C942&#038;ssl=1\" src=\"https:\/\/i0.wp.com\/itayachtscanada.com\/wp-content\/uploads\/2025\/02\/Capture-decran-le-2025-02-09-a-09.09.56.jpg?w=229&#038;h=308&#038;ssl=1\" srcset=\"https:\/\/i0.wp.com\/itayachtscanada.com\/wp-content\/uploads\/2025\/02\/Capture-decran-le-2025-02-09-a-09.09.56.jpg?w=742&amp;ssl=1 742w, https:\/\/i0.wp.com\/itayachtscanada.com\/wp-content\/uploads\/2025\/02\/Capture-decran-le-2025-02-09-a-09.09.56.jpg?resize=223%2C300&amp;ssl=1 223w, https:\/\/i0.wp.com\/itayachtscanada.com\/wp-content\/uploads\/2025\/02\/Capture-decran-le-2025-02-09-a-09.09.56.jpg?resize=700%2C942&amp;ssl=1 700w, https:\/\/i0.wp.com\/itayachtscanada.com\/wp-content\/uploads\/2025\/02\/Capture-decran-le-2025-02-09-a-09.09.56.jpg?resize=297%2C400&amp;ssl=1 297w\" width=\"229\" height=\"308\" loading=\"lazy\" data-original-width=\"229\" data-original-height=\"308\" itemprop=\"http:\/\/schema.org\/image\" title=\"Capture d\u2019e\u0301cran, le 2025-02-09 a\u0300 09.09.56\" alt=\"Capture d\u2019e\u0301cran, le 2025-02-09 a\u0300 09.09.56\" style=\"width: 229px; height: 308px;\" \/> <\/a> <\/div> <\/div> <!-- close group --> <div class=\"gallery-group images-1\" style=\"width: 233px; height: 312px;\" data-original-width=\"233\" data-original-height=\"312\" > <div class=\"tiled-gallery-item tiled-gallery-item-small\" itemprop=\"associatedMedia\" itemscope itemtype=\"http:\/\/schema.org\/ImageObject\"> <a href=\"https:\/\/itayachtscanada.com\/fr\/listing\/maritimo-m60-2024-3399000-usd-for-sale\/capture-decran-le-2025-02-09-a-09-09-48\/\" border=\"0\" itemprop=\"url\"> <meta itemprop=\"width\" content=\"229\"> <meta itemprop=\"height\" content=\"308\"> <img decoding=\"async\" class=\"\" data-attachment-id=\"204169\" data-orig-file=\"https:\/\/itayachtscanada.com\/wp-content\/uploads\/2025\/02\/Capture-decran-le-2025-02-09-a-09.09.48.jpg\" data-orig-size=\"742,998\" data-comments-opened=\"1\" data-image-meta=\"{&quot;aperture&quot;:&quot;0&quot;,&quot;credit&quot;:&quot;&quot;,&quot;camera&quot;:&quot;&quot;,&quot;caption&quot;:&quot;&quot;,&quot;created_timestamp&quot;:&quot;0&quot;,&quot;copyright&quot;:&quot;&quot;,&quot;focal_length&quot;:&quot;0&quot;,&quot;iso&quot;:&quot;0&quot;,&quot;shutter_speed&quot;:&quot;0&quot;,&quot;title&quot;:&quot;&quot;,&quot;orientation&quot;:&quot;0&quot;}\" data-image-title=\"Capture d\u2019e\u0301cran, le 2025-02-09 a\u0300 09.09.48\" data-image-description=\"\" data-medium-file=\"https:\/\/i0.wp.com\/itayachtscanada.com\/wp-content\/uploads\/2025\/02\/Capture-decran-le-2025-02-09-a-09.09.48.jpg?fit=223%2C300&#038;ssl=1\" data-large-file=\"https:\/\/i0.wp.com\/itayachtscanada.com\/wp-content\/uploads\/2025\/02\/Capture-decran-le-2025-02-09-a-09.09.48.jpg?fit=700%2C942&#038;ssl=1\" src=\"https:\/\/i0.wp.com\/itayachtscanada.com\/wp-content\/uploads\/2025\/02\/Capture-decran-le-2025-02-09-a-09.09.48.jpg?w=229&#038;h=308&#038;ssl=1\" srcset=\"https:\/\/i0.wp.com\/itayachtscanada.com\/wp-content\/uploads\/2025\/02\/Capture-decran-le-2025-02-09-a-09.09.48.jpg?w=742&amp;ssl=1 742w, https:\/\/i0.wp.com\/itayachtscanada.com\/wp-content\/uploads\/2025\/02\/Capture-decran-le-2025-02-09-a-09.09.48.jpg?resize=223%2C300&amp;ssl=1 223w, https:\/\/i0.wp.com\/itayachtscanada.com\/wp-content\/uploads\/2025\/02\/Capture-decran-le-2025-02-09-a-09.09.48.jpg?resize=700%2C942&amp;ssl=1 700w, https:\/\/i0.wp.com\/itayachtscanada.com\/wp-content\/uploads\/2025\/02\/Capture-decran-le-2025-02-09-a-09.09.48.jpg?resize=297%2C400&amp;ssl=1 297w\" width=\"229\" height=\"308\" loading=\"lazy\" data-original-width=\"229\" data-original-height=\"308\" itemprop=\"http:\/\/schema.org\/image\" title=\"Capture d\u2019e\u0301cran, le 2025-02-09 a\u0300 09.09.48\" alt=\"Capture d\u2019e\u0301cran, le 2025-02-09 a\u0300 09.09.48\" style=\"width: 229px; height: 308px;\" \/> <\/a> <\/div> <\/div> <!-- close group --> <\/div> <!-- close row --> <div class=\"gallery-row\" style=\"width: 700px; height: 416px;\" data-original-width=\"700\" data-original-height=\"416\" > <div class=\"gallery-group images-3\" style=\"width: 213px; height: 416px;\" data-original-width=\"213\" data-original-height=\"416\" > <div class=\"tiled-gallery-item tiled-gallery-item-small\" itemprop=\"associatedMedia\" itemscope itemtype=\"http:\/\/schema.org\/ImageObject\"> <a href=\"https:\/\/itayachtscanada.com\/fr\/listing\/maritimo-m60-2024-3399000-usd-for-sale\/capture-decran-le-2025-02-09-a-09-17-27\/\" border=\"0\" itemprop=\"url\"> <meta itemprop=\"width\" content=\"209\"> <meta itemprop=\"height\" content=\"129\"> <img decoding=\"async\" class=\"\" data-attachment-id=\"204200\" data-orig-file=\"https:\/\/itayachtscanada.com\/wp-content\/uploads\/2025\/02\/Capture-decran-le-2025-02-09-a-09.17.27.jpg\" data-orig-size=\"1624,1004\" data-comments-opened=\"1\" data-image-meta=\"{&quot;aperture&quot;:&quot;0&quot;,&quot;credit&quot;:&quot;&quot;,&quot;camera&quot;:&quot;&quot;,&quot;caption&quot;:&quot;&quot;,&quot;created_timestamp&quot;:&quot;0&quot;,&quot;copyright&quot;:&quot;&quot;,&quot;focal_length&quot;:&quot;0&quot;,&quot;iso&quot;:&quot;0&quot;,&quot;shutter_speed&quot;:&quot;0&quot;,&quot;title&quot;:&quot;&quot;,&quot;orientation&quot;:&quot;0&quot;}\" data-image-title=\"Capture d\u2019e\u0301cran, le 2025-02-09 a\u0300 09.17.27\" data-image-description=\"\" data-medium-file=\"https:\/\/i0.wp.com\/itayachtscanada.com\/wp-content\/uploads\/2025\/02\/Capture-decran-le-2025-02-09-a-09.17.27.jpg?fit=300%2C185&#038;ssl=1\" data-large-file=\"https:\/\/i0.wp.com\/itayachtscanada.com\/wp-content\/uploads\/2025\/02\/Capture-decran-le-2025-02-09-a-09.17.27.jpg?fit=700%2C433&#038;ssl=1\" src=\"https:\/\/i0.wp.com\/itayachtscanada.com\/wp-content\/uploads\/2025\/02\/Capture-decran-le-2025-02-09-a-09.17.27.jpg?w=209&#038;h=129&#038;ssl=1\" srcset=\"https:\/\/i0.wp.com\/itayachtscanada.com\/wp-content\/uploads\/2025\/02\/Capture-decran-le-2025-02-09-a-09.17.27.jpg?w=1624&amp;ssl=1 1624w, https:\/\/i0.wp.com\/itayachtscanada.com\/wp-content\/uploads\/2025\/02\/Capture-decran-le-2025-02-09-a-09.17.27.jpg?resize=300%2C185&amp;ssl=1 300w, https:\/\/i0.wp.com\/itayachtscanada.com\/wp-content\/uploads\/2025\/02\/Capture-decran-le-2025-02-09-a-09.17.27.jpg?resize=1024%2C633&amp;ssl=1 1024w, https:\/\/i0.wp.com\/itayachtscanada.com\/wp-content\/uploads\/2025\/02\/Capture-decran-le-2025-02-09-a-09.17.27.jpg?resize=768%2C475&amp;ssl=1 768w, https:\/\/i0.wp.com\/itayachtscanada.com\/wp-content\/uploads\/2025\/02\/Capture-decran-le-2025-02-09-a-09.17.27.jpg?resize=1536%2C950&amp;ssl=1 1536w, https:\/\/i0.wp.com\/itayachtscanada.com\/wp-content\/uploads\/2025\/02\/Capture-decran-le-2025-02-09-a-09.17.27.jpg?resize=700%2C433&amp;ssl=1 700w, https:\/\/i0.wp.com\/itayachtscanada.com\/wp-content\/uploads\/2025\/02\/Capture-decran-le-2025-02-09-a-09.17.27.jpg?resize=647%2C400&amp;ssl=1 647w, https:\/\/i0.wp.com\/itayachtscanada.com\/wp-content\/uploads\/2025\/02\/Capture-decran-le-2025-02-09-a-09.17.27.jpg?w=1400&amp;ssl=1 1400w\" width=\"209\" height=\"129\" loading=\"lazy\" data-original-width=\"209\" data-original-height=\"129\" itemprop=\"http:\/\/schema.org\/image\" title=\"Capture d\u2019e\u0301cran, le 2025-02-09 a\u0300 09.17.27\" alt=\"Capture d\u2019e\u0301cran, le 2025-02-09 a\u0300 09.17.27\" style=\"width: 209px; height: 129px;\" \/> <\/a> <\/div> <div class=\"tiled-gallery-item tiled-gallery-item-small\" itemprop=\"associatedMedia\" itemscope itemtype=\"http:\/\/schema.org\/ImageObject\"> <a href=\"https:\/\/itayachtscanada.com\/fr\/listing\/maritimo-m60-2024-3399000-usd-for-sale\/capture-decran-le-2025-02-09-a-09-09-39\/\" border=\"0\" itemprop=\"url\"> <meta itemprop=\"width\" content=\"209\"> <meta itemprop=\"height\" content=\"118\"> <img decoding=\"async\" class=\"\" data-attachment-id=\"204170\" data-orig-file=\"https:\/\/itayachtscanada.com\/wp-content\/uploads\/2025\/02\/Capture-decran-le-2025-02-09-a-09.09.39.jpg\" data-orig-size=\"1770,998\" data-comments-opened=\"1\" data-image-meta=\"{&quot;aperture&quot;:&quot;0&quot;,&quot;credit&quot;:&quot;&quot;,&quot;camera&quot;:&quot;&quot;,&quot;caption&quot;:&quot;&quot;,&quot;created_timestamp&quot;:&quot;0&quot;,&quot;copyright&quot;:&quot;&quot;,&quot;focal_length&quot;:&quot;0&quot;,&quot;iso&quot;:&quot;0&quot;,&quot;shutter_speed&quot;:&quot;0&quot;,&quot;title&quot;:&quot;&quot;,&quot;orientation&quot;:&quot;0&quot;}\" data-image-title=\"Capture d\u2019e\u0301cran, le 2025-02-09 a\u0300 09.09.39\" data-image-description=\"\" data-medium-file=\"https:\/\/i0.wp.com\/itayachtscanada.com\/wp-content\/uploads\/2025\/02\/Capture-decran-le-2025-02-09-a-09.09.39.jpg?fit=300%2C169&#038;ssl=1\" data-large-file=\"https:\/\/i0.wp.com\/itayachtscanada.com\/wp-content\/uploads\/2025\/02\/Capture-decran-le-2025-02-09-a-09.09.39.jpg?fit=700%2C394&#038;ssl=1\" src=\"https:\/\/i0.wp.com\/itayachtscanada.com\/wp-content\/uploads\/2025\/02\/Capture-decran-le-2025-02-09-a-09.09.39.jpg?w=209&#038;h=118&#038;ssl=1\" srcset=\"https:\/\/i0.wp.com\/itayachtscanada.com\/wp-content\/uploads\/2025\/02\/Capture-decran-le-2025-02-09-a-09.09.39.jpg?w=1770&amp;ssl=1 1770w, https:\/\/i0.wp.com\/itayachtscanada.com\/wp-content\/uploads\/2025\/02\/Capture-decran-le-2025-02-09-a-09.09.39.jpg?resize=300%2C169&amp;ssl=1 300w, https:\/\/i0.wp.com\/itayachtscanada.com\/wp-content\/uploads\/2025\/02\/Capture-decran-le-2025-02-09-a-09.09.39.jpg?resize=1024%2C577&amp;ssl=1 1024w, https:\/\/i0.wp.com\/itayachtscanada.com\/wp-content\/uploads\/2025\/02\/Capture-decran-le-2025-02-09-a-09.09.39.jpg?resize=768%2C433&amp;ssl=1 768w, https:\/\/i0.wp.com\/itayachtscanada.com\/wp-content\/uploads\/2025\/02\/Capture-decran-le-2025-02-09-a-09.09.39.jpg?resize=1536%2C866&amp;ssl=1 1536w, https:\/\/i0.wp.com\/itayachtscanada.com\/wp-content\/uploads\/2025\/02\/Capture-decran-le-2025-02-09-a-09.09.39.jpg?resize=700%2C395&amp;ssl=1 700w, https:\/\/i0.wp.com\/itayachtscanada.com\/wp-content\/uploads\/2025\/02\/Capture-decran-le-2025-02-09-a-09.09.39.jpg?resize=709%2C400&amp;ssl=1 709w, https:\/\/i0.wp.com\/itayachtscanada.com\/wp-content\/uploads\/2025\/02\/Capture-decran-le-2025-02-09-a-09.09.39.jpg?w=1400&amp;ssl=1 1400w\" width=\"209\" height=\"118\" loading=\"lazy\" data-original-width=\"209\" data-original-height=\"118\" itemprop=\"http:\/\/schema.org\/image\" title=\"Capture d\u2019e\u0301cran, le 2025-02-09 a\u0300 09.09.39\" alt=\"Capture d\u2019e\u0301cran, le 2025-02-09 a\u0300 09.09.39\" style=\"width: 209px; height: 118px;\" \/> <\/a> <\/div> <div class=\"tiled-gallery-item tiled-gallery-item-small\" itemprop=\"associatedMedia\" itemscope itemtype=\"http:\/\/schema.org\/ImageObject\"> <a href=\"https:\/\/itayachtscanada.com\/fr\/listing\/maritimo-m60-2024-3399000-usd-for-sale\/capture-decran-le-2025-02-09-a-09-09-35\/\" border=\"0\" itemprop=\"url\"> <meta itemprop=\"width\" content=\"209\"> <meta itemprop=\"height\" content=\"157\"> <img decoding=\"async\" class=\"\" data-attachment-id=\"204171\" data-orig-file=\"https:\/\/itayachtscanada.com\/wp-content\/uploads\/2025\/02\/Capture-decran-le-2025-02-09-a-09.09.35.jpg\" data-orig-size=\"1328,998\" data-comments-opened=\"1\" data-image-meta=\"{&quot;aperture&quot;:&quot;0&quot;,&quot;credit&quot;:&quot;&quot;,&quot;camera&quot;:&quot;&quot;,&quot;caption&quot;:&quot;&quot;,&quot;created_timestamp&quot;:&quot;0&quot;,&quot;copyright&quot;:&quot;&quot;,&quot;focal_length&quot;:&quot;0&quot;,&quot;iso&quot;:&quot;0&quot;,&quot;shutter_speed&quot;:&quot;0&quot;,&quot;title&quot;:&quot;&quot;,&quot;orientation&quot;:&quot;0&quot;}\" data-image-title=\"Capture d\u2019e\u0301cran, le 2025-02-09 a\u0300 09.09.35\" data-image-description=\"\" data-medium-file=\"https:\/\/i0.wp.com\/itayachtscanada.com\/wp-content\/uploads\/2025\/02\/Capture-decran-le-2025-02-09-a-09.09.35.jpg?fit=300%2C225&#038;ssl=1\" data-large-file=\"https:\/\/i0.wp.com\/itayachtscanada.com\/wp-content\/uploads\/2025\/02\/Capture-decran-le-2025-02-09-a-09.09.35.jpg?fit=700%2C526&#038;ssl=1\" src=\"https:\/\/i0.wp.com\/itayachtscanada.com\/wp-content\/uploads\/2025\/02\/Capture-decran-le-2025-02-09-a-09.09.35.jpg?w=209&#038;h=157&#038;ssl=1\" srcset=\"https:\/\/i0.wp.com\/itayachtscanada.com\/wp-content\/uploads\/2025\/02\/Capture-decran-le-2025-02-09-a-09.09.35.jpg?w=1328&amp;ssl=1 1328w, https:\/\/i0.wp.com\/itayachtscanada.com\/wp-content\/uploads\/2025\/02\/Capture-decran-le-2025-02-09-a-09.09.35.jpg?resize=300%2C225&amp;ssl=1 300w, https:\/\/i0.wp.com\/itayachtscanada.com\/wp-content\/uploads\/2025\/02\/Capture-decran-le-2025-02-09-a-09.09.35.jpg?resize=1024%2C770&amp;ssl=1 1024w, https:\/\/i0.wp.com\/itayachtscanada.com\/wp-content\/uploads\/2025\/02\/Capture-decran-le-2025-02-09-a-09.09.35.jpg?resize=768%2C577&amp;ssl=1 768w, https:\/\/i0.wp.com\/itayachtscanada.com\/wp-content\/uploads\/2025\/02\/Capture-decran-le-2025-02-09-a-09.09.35.jpg?resize=700%2C526&amp;ssl=1 700w, https:\/\/i0.wp.com\/itayachtscanada.com\/wp-content\/uploads\/2025\/02\/Capture-decran-le-2025-02-09-a-09.09.35.jpg?resize=532%2C400&amp;ssl=1 532w\" width=\"209\" height=\"157\" loading=\"lazy\" data-original-width=\"209\" data-original-height=\"157\" itemprop=\"http:\/\/schema.org\/image\" title=\"Capture d\u2019e\u0301cran, le 2025-02-09 a\u0300 09.09.35\" alt=\"Capture d\u2019e\u0301cran, le 2025-02-09 a\u0300 09.09.35\" style=\"width: 209px; height: 157px;\" \/> <\/a> <\/div> <\/div> <!-- close group --> <div class=\"gallery-group images-1\" style=\"width: 310px; height: 416px;\" data-original-width=\"310\" data-original-height=\"416\" > <div class=\"tiled-gallery-item tiled-gallery-item-large\" itemprop=\"associatedMedia\" itemscope itemtype=\"http:\/\/schema.org\/ImageObject\"> <a href=\"https:\/\/itayachtscanada.com\/fr\/listing\/maritimo-m60-2024-3399000-usd-for-sale\/capture-decran-le-2025-02-09-a-09-08-57\/\" border=\"0\" itemprop=\"url\"> <meta itemprop=\"width\" content=\"306\"> <meta itemprop=\"height\" content=\"412\"> <img decoding=\"async\" class=\"\" data-attachment-id=\"204175\" data-orig-file=\"https:\/\/itayachtscanada.com\/wp-content\/uploads\/2025\/02\/Capture-decran-le-2025-02-09-a-09.08.57.jpg\" data-orig-size=\"742,998\" data-comments-opened=\"1\" data-image-meta=\"{&quot;aperture&quot;:&quot;0&quot;,&quot;credit&quot;:&quot;&quot;,&quot;camera&quot;:&quot;&quot;,&quot;caption&quot;:&quot;&quot;,&quot;created_timestamp&quot;:&quot;0&quot;,&quot;copyright&quot;:&quot;&quot;,&quot;focal_length&quot;:&quot;0&quot;,&quot;iso&quot;:&quot;0&quot;,&quot;shutter_speed&quot;:&quot;0&quot;,&quot;title&quot;:&quot;&quot;,&quot;orientation&quot;:&quot;0&quot;}\" data-image-title=\"Capture d\u2019e\u0301cran, le 2025-02-09 a\u0300 09.08.57\" data-image-description=\"\" data-medium-file=\"https:\/\/i0.wp.com\/itayachtscanada.com\/wp-content\/uploads\/2025\/02\/Capture-decran-le-2025-02-09-a-09.08.57.jpg?fit=223%2C300&#038;ssl=1\" data-large-file=\"https:\/\/i0.wp.com\/itayachtscanada.com\/wp-content\/uploads\/2025\/02\/Capture-decran-le-2025-02-09-a-09.08.57.jpg?fit=700%2C942&#038;ssl=1\" src=\"https:\/\/i0.wp.com\/itayachtscanada.com\/wp-content\/uploads\/2025\/02\/Capture-decran-le-2025-02-09-a-09.08.57.jpg?w=306&#038;h=412&#038;ssl=1\" srcset=\"https:\/\/i0.wp.com\/itayachtscanada.com\/wp-content\/uploads\/2025\/02\/Capture-decran-le-2025-02-09-a-09.08.57.jpg?w=742&amp;ssl=1 742w, https:\/\/i0.wp.com\/itayachtscanada.com\/wp-content\/uploads\/2025\/02\/Capture-decran-le-2025-02-09-a-09.08.57.jpg?resize=223%2C300&amp;ssl=1 223w, https:\/\/i0.wp.com\/itayachtscanada.com\/wp-content\/uploads\/2025\/02\/Capture-decran-le-2025-02-09-a-09.08.57.jpg?resize=700%2C942&amp;ssl=1 700w, https:\/\/i0.wp.com\/itayachtscanada.com\/wp-content\/uploads\/2025\/02\/Capture-decran-le-2025-02-09-a-09.08.57.jpg?resize=297%2C400&amp;ssl=1 297w\" width=\"306\" height=\"412\" loading=\"lazy\" data-original-width=\"306\" data-original-height=\"412\" itemprop=\"http:\/\/schema.org\/image\" title=\"Capture d\u2019e\u0301cran, le 2025-02-09 a\u0300 09.08.57\" alt=\"Capture d\u2019e\u0301cran, le 2025-02-09 a\u0300 09.08.57\" style=\"width: 306px; height: 412px;\" \/> <\/a> <\/div> <\/div> <!-- close group --> <div class=\"gallery-group images-3\" style=\"width: 177px; height: 416px;\" data-original-width=\"177\" data-original-height=\"416\" > <div class=\"tiled-gallery-item tiled-gallery-item-small\" itemprop=\"associatedMedia\" itemscope itemtype=\"http:\/\/schema.org\/ImageObject\"> <a href=\"https:\/\/itayachtscanada.com\/fr\/listing\/maritimo-m60-2024-3399000-usd-for-sale\/capture-decran-le-2025-02-09-a-09-08-50\/\" border=\"0\" itemprop=\"url\"> <meta itemprop=\"width\" content=\"173\"> <meta itemprop=\"height\" content=\"120\"> <img decoding=\"async\" class=\"\" data-attachment-id=\"204176\" data-orig-file=\"https:\/\/itayachtscanada.com\/wp-content\/uploads\/2025\/02\/Capture-decran-le-2025-02-09-a-09.08.50.jpg\" data-orig-size=\"1432,998\" data-comments-opened=\"1\" data-image-meta=\"{&quot;aperture&quot;:&quot;0&quot;,&quot;credit&quot;:&quot;&quot;,&quot;camera&quot;:&quot;&quot;,&quot;caption&quot;:&quot;&quot;,&quot;created_timestamp&quot;:&quot;0&quot;,&quot;copyright&quot;:&quot;&quot;,&quot;focal_length&quot;:&quot;0&quot;,&quot;iso&quot;:&quot;0&quot;,&quot;shutter_speed&quot;:&quot;0&quot;,&quot;title&quot;:&quot;&quot;,&quot;orientation&quot;:&quot;0&quot;}\" data-image-title=\"Capture d\u2019e\u0301cran, le 2025-02-09 a\u0300 09.08.50\" data-image-description=\"\" data-medium-file=\"https:\/\/i0.wp.com\/itayachtscanada.com\/wp-content\/uploads\/2025\/02\/Capture-decran-le-2025-02-09-a-09.08.50.jpg?fit=300%2C209&#038;ssl=1\" data-large-file=\"https:\/\/i0.wp.com\/itayachtscanada.com\/wp-content\/uploads\/2025\/02\/Capture-decran-le-2025-02-09-a-09.08.50.jpg?fit=700%2C488&#038;ssl=1\" src=\"https:\/\/i0.wp.com\/itayachtscanada.com\/wp-content\/uploads\/2025\/02\/Capture-decran-le-2025-02-09-a-09.08.50.jpg?w=173&#038;h=120&#038;ssl=1\" srcset=\"https:\/\/i0.wp.com\/itayachtscanada.com\/wp-content\/uploads\/2025\/02\/Capture-decran-le-2025-02-09-a-09.08.50.jpg?w=1432&amp;ssl=1 1432w, https:\/\/i0.wp.com\/itayachtscanada.com\/wp-content\/uploads\/2025\/02\/Capture-decran-le-2025-02-09-a-09.08.50.jpg?resize=300%2C209&amp;ssl=1 300w, https:\/\/i0.wp.com\/itayachtscanada.com\/wp-content\/uploads\/2025\/02\/Capture-decran-le-2025-02-09-a-09.08.50.jpg?resize=1024%2C714&amp;ssl=1 1024w, https:\/\/i0.wp.com\/itayachtscanada.com\/wp-content\/uploads\/2025\/02\/Capture-decran-le-2025-02-09-a-09.08.50.jpg?resize=768%2C535&amp;ssl=1 768w, https:\/\/i0.wp.com\/itayachtscanada.com\/wp-content\/uploads\/2025\/02\/Capture-decran-le-2025-02-09-a-09.08.50.jpg?resize=700%2C488&amp;ssl=1 700w, https:\/\/i0.wp.com\/itayachtscanada.com\/wp-content\/uploads\/2025\/02\/Capture-decran-le-2025-02-09-a-09.08.50.jpg?resize=574%2C400&amp;ssl=1 574w\" width=\"173\" height=\"120\" loading=\"lazy\" data-original-width=\"173\" data-original-height=\"120\" itemprop=\"http:\/\/schema.org\/image\" title=\"Capture d\u2019e\u0301cran, le 2025-02-09 a\u0300 09.08.50\" alt=\"Capture d\u2019e\u0301cran, le 2025-02-09 a\u0300 09.08.50\" style=\"width: 173px; height: 120px;\" \/> <\/a> <\/div> <div class=\"tiled-gallery-item tiled-gallery-item-small\" itemprop=\"associatedMedia\" itemscope itemtype=\"http:\/\/schema.org\/ImageObject\"> <a href=\"https:\/\/itayachtscanada.com\/fr\/listing\/maritimo-m60-2024-3399000-usd-for-sale\/capture-decran-le-2025-02-09-a-09-08-07\/\" border=\"0\" itemprop=\"url\"> <meta itemprop=\"width\" content=\"173\"> <meta itemprop=\"height\" content=\"130\"> <img decoding=\"async\" class=\"\" data-attachment-id=\"204181\" data-orig-file=\"https:\/\/itayachtscanada.com\/wp-content\/uploads\/2025\/02\/Capture-decran-le-2025-02-09-a-09.08.07.jpg\" data-orig-size=\"1326,998\" data-comments-opened=\"1\" data-image-meta=\"{&quot;aperture&quot;:&quot;0&quot;,&quot;credit&quot;:&quot;&quot;,&quot;camera&quot;:&quot;&quot;,&quot;caption&quot;:&quot;&quot;,&quot;created_timestamp&quot;:&quot;0&quot;,&quot;copyright&quot;:&quot;&quot;,&quot;focal_length&quot;:&quot;0&quot;,&quot;iso&quot;:&quot;0&quot;,&quot;shutter_speed&quot;:&quot;0&quot;,&quot;title&quot;:&quot;&quot;,&quot;orientation&quot;:&quot;0&quot;}\" data-image-title=\"Capture d\u2019e\u0301cran, le 2025-02-09 a\u0300 09.08.07\" data-image-description=\"\" data-medium-file=\"https:\/\/i0.wp.com\/itayachtscanada.com\/wp-content\/uploads\/2025\/02\/Capture-decran-le-2025-02-09-a-09.08.07.jpg?fit=300%2C226&#038;ssl=1\" data-large-file=\"https:\/\/i0.wp.com\/itayachtscanada.com\/wp-content\/uploads\/2025\/02\/Capture-decran-le-2025-02-09-a-09.08.07.jpg?fit=700%2C527&#038;ssl=1\" src=\"https:\/\/i0.wp.com\/itayachtscanada.com\/wp-content\/uploads\/2025\/02\/Capture-decran-le-2025-02-09-a-09.08.07.jpg?w=173&#038;h=130&#038;ssl=1\" srcset=\"https:\/\/i0.wp.com\/itayachtscanada.com\/wp-content\/uploads\/2025\/02\/Capture-decran-le-2025-02-09-a-09.08.07.jpg?w=1326&amp;ssl=1 1326w, https:\/\/i0.wp.com\/itayachtscanada.com\/wp-content\/uploads\/2025\/02\/Capture-decran-le-2025-02-09-a-09.08.07.jpg?resize=300%2C226&amp;ssl=1 300w, https:\/\/i0.wp.com\/itayachtscanada.com\/wp-content\/uploads\/2025\/02\/Capture-decran-le-2025-02-09-a-09.08.07.jpg?resize=1024%2C771&amp;ssl=1 1024w, https:\/\/i0.wp.com\/itayachtscanada.com\/wp-content\/uploads\/2025\/02\/Capture-decran-le-2025-02-09-a-09.08.07.jpg?resize=768%2C578&amp;ssl=1 768w, https:\/\/i0.wp.com\/itayachtscanada.com\/wp-content\/uploads\/2025\/02\/Capture-decran-le-2025-02-09-a-09.08.07.jpg?resize=700%2C527&amp;ssl=1 700w, https:\/\/i0.wp.com\/itayachtscanada.com\/wp-content\/uploads\/2025\/02\/Capture-decran-le-2025-02-09-a-09.08.07.jpg?resize=531%2C400&amp;ssl=1 531w\" width=\"173\" height=\"130\" loading=\"lazy\" data-original-width=\"173\" data-original-height=\"130\" itemprop=\"http:\/\/schema.org\/image\" title=\"Capture d\u2019e\u0301cran, le 2025-02-09 a\u0300 09.08.07\" alt=\"Capture d\u2019e\u0301cran, le 2025-02-09 a\u0300 09.08.07\" style=\"width: 173px; height: 130px;\" \/> <\/a> <\/div> <div class=\"tiled-gallery-item tiled-gallery-item-small\" itemprop=\"associatedMedia\" itemscope itemtype=\"http:\/\/schema.org\/ImageObject\"> <a href=\"https:\/\/itayachtscanada.com\/fr\/listing\/maritimo-m60-2024-3399000-usd-for-sale\/capture-decran-le-2025-02-09-a-09-08-38\/\" border=\"0\" itemprop=\"url\"> <meta itemprop=\"width\" content=\"173\"> <meta itemprop=\"height\" content=\"154\"> <img decoding=\"async\" class=\"\" data-attachment-id=\"204177\" data-orig-file=\"https:\/\/itayachtscanada.com\/wp-content\/uploads\/2025\/02\/Capture-decran-le-2025-02-09-a-09.08.38.jpg\" data-orig-size=\"1124,998\" data-comments-opened=\"1\" data-image-meta=\"{&quot;aperture&quot;:&quot;0&quot;,&quot;credit&quot;:&quot;&quot;,&quot;camera&quot;:&quot;&quot;,&quot;caption&quot;:&quot;&quot;,&quot;created_timestamp&quot;:&quot;0&quot;,&quot;copyright&quot;:&quot;&quot;,&quot;focal_length&quot;:&quot;0&quot;,&quot;iso&quot;:&quot;0&quot;,&quot;shutter_speed&quot;:&quot;0&quot;,&quot;title&quot;:&quot;&quot;,&quot;orientation&quot;:&quot;0&quot;}\" data-image-title=\"Capture d\u2019e\u0301cran, le 2025-02-09 a\u0300 09.08.38\" data-image-description=\"\" data-medium-file=\"https:\/\/i0.wp.com\/itayachtscanada.com\/wp-content\/uploads\/2025\/02\/Capture-decran-le-2025-02-09-a-09.08.38.jpg?fit=300%2C266&#038;ssl=1\" data-large-file=\"https:\/\/i0.wp.com\/itayachtscanada.com\/wp-content\/uploads\/2025\/02\/Capture-decran-le-2025-02-09-a-09.08.38.jpg?fit=700%2C621&#038;ssl=1\" src=\"https:\/\/i0.wp.com\/itayachtscanada.com\/wp-content\/uploads\/2025\/02\/Capture-decran-le-2025-02-09-a-09.08.38.jpg?w=173&#038;h=154&#038;ssl=1\" srcset=\"https:\/\/i0.wp.com\/itayachtscanada.com\/wp-content\/uploads\/2025\/02\/Capture-decran-le-2025-02-09-a-09.08.38.jpg?w=1124&amp;ssl=1 1124w, https:\/\/i0.wp.com\/itayachtscanada.com\/wp-content\/uploads\/2025\/02\/Capture-decran-le-2025-02-09-a-09.08.38.jpg?resize=300%2C266&amp;ssl=1 300w, https:\/\/i0.wp.com\/itayachtscanada.com\/wp-content\/uploads\/2025\/02\/Capture-decran-le-2025-02-09-a-09.08.38.jpg?resize=1024%2C909&amp;ssl=1 1024w, https:\/\/i0.wp.com\/itayachtscanada.com\/wp-content\/uploads\/2025\/02\/Capture-decran-le-2025-02-09-a-09.08.38.jpg?resize=768%2C682&amp;ssl=1 768w, https:\/\/i0.wp.com\/itayachtscanada.com\/wp-content\/uploads\/2025\/02\/Capture-decran-le-2025-02-09-a-09.08.38.jpg?resize=700%2C622&amp;ssl=1 700w, https:\/\/i0.wp.com\/itayachtscanada.com\/wp-content\/uploads\/2025\/02\/Capture-decran-le-2025-02-09-a-09.08.38.jpg?resize=451%2C400&amp;ssl=1 451w\" width=\"173\" height=\"154\" loading=\"lazy\" data-original-width=\"173\" data-original-height=\"154\" itemprop=\"http:\/\/schema.org\/image\" title=\"Capture d\u2019e\u0301cran, le 2025-02-09 a\u0300 09.08.38\" alt=\"Capture d\u2019e\u0301cran, le 2025-02-09 a\u0300 09.08.38\" style=\"width: 173px; height: 154px;\" \/> <\/a> <\/div> <\/div> <!-- close group --> <\/div> <!-- close row --> <div class=\"gallery-row\" style=\"width: 700px; height: 335px;\" data-original-width=\"700\" data-original-height=\"335\" > <div class=\"gallery-group images-1\" style=\"width: 254px; height: 335px;\" data-original-width=\"254\" data-original-height=\"335\" > <div class=\"tiled-gallery-item tiled-gallery-item-large\" itemprop=\"associatedMedia\" itemscope itemtype=\"http:\/\/schema.org\/ImageObject\"> <a href=\"https:\/\/itayachtscanada.com\/fr\/listing\/maritimo-m60-2024-3399000-usd-for-sale\/capture-decran-le-2025-02-09-a-09-08-29\/\" border=\"0\" itemprop=\"url\"> <meta itemprop=\"width\" content=\"250\"> <meta itemprop=\"height\" content=\"331\"> <img decoding=\"async\" class=\"\" data-attachment-id=\"204178\" data-orig-file=\"https:\/\/itayachtscanada.com\/wp-content\/uploads\/2025\/02\/Capture-decran-le-2025-02-09-a-09.08.29.jpg\" data-orig-size=\"752,998\" data-comments-opened=\"1\" data-image-meta=\"{&quot;aperture&quot;:&quot;0&quot;,&quot;credit&quot;:&quot;&quot;,&quot;camera&quot;:&quot;&quot;,&quot;caption&quot;:&quot;&quot;,&quot;created_timestamp&quot;:&quot;0&quot;,&quot;copyright&quot;:&quot;&quot;,&quot;focal_length&quot;:&quot;0&quot;,&quot;iso&quot;:&quot;0&quot;,&quot;shutter_speed&quot;:&quot;0&quot;,&quot;title&quot;:&quot;&quot;,&quot;orientation&quot;:&quot;0&quot;}\" data-image-title=\"Capture d\u2019e\u0301cran, le 2025-02-09 a\u0300 09.08.29\" data-image-description=\"\" data-medium-file=\"https:\/\/i0.wp.com\/itayachtscanada.com\/wp-content\/uploads\/2025\/02\/Capture-decran-le-2025-02-09-a-09.08.29.jpg?fit=226%2C300&#038;ssl=1\" data-large-file=\"https:\/\/i0.wp.com\/itayachtscanada.com\/wp-content\/uploads\/2025\/02\/Capture-decran-le-2025-02-09-a-09.08.29.jpg?fit=700%2C929&#038;ssl=1\" src=\"https:\/\/i0.wp.com\/itayachtscanada.com\/wp-content\/uploads\/2025\/02\/Capture-decran-le-2025-02-09-a-09.08.29.jpg?w=250&#038;h=331&#038;ssl=1\" srcset=\"https:\/\/i0.wp.com\/itayachtscanada.com\/wp-content\/uploads\/2025\/02\/Capture-decran-le-2025-02-09-a-09.08.29.jpg?w=752&amp;ssl=1 752w, https:\/\/i0.wp.com\/itayachtscanada.com\/wp-content\/uploads\/2025\/02\/Capture-decran-le-2025-02-09-a-09.08.29.jpg?resize=226%2C300&amp;ssl=1 226w, https:\/\/i0.wp.com\/itayachtscanada.com\/wp-content\/uploads\/2025\/02\/Capture-decran-le-2025-02-09-a-09.08.29.jpg?resize=700%2C929&amp;ssl=1 700w, https:\/\/i0.wp.com\/itayachtscanada.com\/wp-content\/uploads\/2025\/02\/Capture-decran-le-2025-02-09-a-09.08.29.jpg?resize=301%2C400&amp;ssl=1 301w\" width=\"250\" height=\"331\" loading=\"lazy\" data-original-width=\"250\" data-original-height=\"331\" itemprop=\"http:\/\/schema.org\/image\" title=\"Capture d\u2019e\u0301cran, le 2025-02-09 a\u0300 09.08.29\" alt=\"Capture d\u2019e\u0301cran, le 2025-02-09 a\u0300 09.08.29\" style=\"width: 250px; height: 331px;\" \/> <\/a> <\/div> <\/div> <!-- close group --> <div class=\"gallery-group images-1\" style=\"width: 446px; height: 335px;\" data-original-width=\"446\" data-original-height=\"335\" > <div class=\"tiled-gallery-item tiled-gallery-item-large\" itemprop=\"associatedMedia\" itemscope itemtype=\"http:\/\/schema.org\/ImageObject\"> <a href=\"https:\/\/itayachtscanada.com\/fr\/listing\/maritimo-m60-2024-3399000-usd-for-sale\/capture-decran-le-2025-02-09-a-09-08-20\/\" border=\"0\" itemprop=\"url\"> <meta itemprop=\"width\" content=\"442\"> <meta itemprop=\"height\" content=\"331\"> <img decoding=\"async\" class=\"\" data-attachment-id=\"204179\" data-orig-file=\"https:\/\/itayachtscanada.com\/wp-content\/uploads\/2025\/02\/Capture-decran-le-2025-02-09-a-09.08.20.jpg\" data-orig-size=\"1332,998\" data-comments-opened=\"1\" data-image-meta=\"{&quot;aperture&quot;:&quot;0&quot;,&quot;credit&quot;:&quot;&quot;,&quot;camera&quot;:&quot;&quot;,&quot;caption&quot;:&quot;&quot;,&quot;created_timestamp&quot;:&quot;0&quot;,&quot;copyright&quot;:&quot;&quot;,&quot;focal_length&quot;:&quot;0&quot;,&quot;iso&quot;:&quot;0&quot;,&quot;shutter_speed&quot;:&quot;0&quot;,&quot;title&quot;:&quot;&quot;,&quot;orientation&quot;:&quot;0&quot;}\" data-image-title=\"Capture d\u2019e\u0301cran, le 2025-02-09 a\u0300 09.08.20\" data-image-description=\"\" data-medium-file=\"https:\/\/i0.wp.com\/itayachtscanada.com\/wp-content\/uploads\/2025\/02\/Capture-decran-le-2025-02-09-a-09.08.20.jpg?fit=300%2C225&#038;ssl=1\" data-large-file=\"https:\/\/i0.wp.com\/itayachtscanada.com\/wp-content\/uploads\/2025\/02\/Capture-decran-le-2025-02-09-a-09.08.20.jpg?fit=700%2C524&#038;ssl=1\" src=\"https:\/\/i0.wp.com\/itayachtscanada.com\/wp-content\/uploads\/2025\/02\/Capture-decran-le-2025-02-09-a-09.08.20.jpg?w=442&#038;h=331&#038;ssl=1\" srcset=\"https:\/\/i0.wp.com\/itayachtscanada.com\/wp-content\/uploads\/2025\/02\/Capture-decran-le-2025-02-09-a-09.08.20.jpg?w=1332&amp;ssl=1 1332w, https:\/\/i0.wp.com\/itayachtscanada.com\/wp-content\/uploads\/2025\/02\/Capture-decran-le-2025-02-09-a-09.08.20.jpg?resize=300%2C225&amp;ssl=1 300w, https:\/\/i0.wp.com\/itayachtscanada.com\/wp-content\/uploads\/2025\/02\/Capture-decran-le-2025-02-09-a-09.08.20.jpg?resize=1024%2C767&amp;ssl=1 1024w, https:\/\/i0.wp.com\/itayachtscanada.com\/wp-content\/uploads\/2025\/02\/Capture-decran-le-2025-02-09-a-09.08.20.jpg?resize=768%2C575&amp;ssl=1 768w, https:\/\/i0.wp.com\/itayachtscanada.com\/wp-content\/uploads\/2025\/02\/Capture-decran-le-2025-02-09-a-09.08.20.jpg?resize=700%2C524&amp;ssl=1 700w, https:\/\/i0.wp.com\/itayachtscanada.com\/wp-content\/uploads\/2025\/02\/Capture-decran-le-2025-02-09-a-09.08.20.jpg?resize=534%2C400&amp;ssl=1 534w\" width=\"442\" height=\"331\" loading=\"lazy\" data-original-width=\"442\" data-original-height=\"331\" itemprop=\"http:\/\/schema.org\/image\" title=\"Capture d\u2019e\u0301cran, le 2025-02-09 a\u0300 09.08.20\" alt=\"Capture d\u2019e\u0301cran, le 2025-02-09 a\u0300 09.08.20\" style=\"width: 442px; height: 331px;\" \/> <\/a> <\/div> <\/div> <!-- close group --> <\/div> <!-- close row --> <div class=\"gallery-row\" style=\"width: 700px; height: 571px;\" data-original-width=\"700\" data-original-height=\"571\" > <div class=\"gallery-group images-1\" style=\"width: 426px; height: 571px;\" data-original-width=\"426\" data-original-height=\"571\" > <div class=\"tiled-gallery-item tiled-gallery-item-large\" itemprop=\"associatedMedia\" itemscope itemtype=\"http:\/\/schema.org\/ImageObject\"> <a href=\"https:\/\/itayachtscanada.com\/fr\/listing\/maritimo-m60-2024-3399000-usd-for-sale\/capture-decran-le-2025-02-09-a-09-08-11\/\" border=\"0\" itemprop=\"url\"> <meta itemprop=\"width\" content=\"422\"> <meta itemprop=\"height\" content=\"567\"> <img decoding=\"async\" class=\"\" data-attachment-id=\"204180\" data-orig-file=\"https:\/\/itayachtscanada.com\/wp-content\/uploads\/2025\/02\/Capture-decran-le-2025-02-09-a-09.08.11.jpg\" data-orig-size=\"742,998\" data-comments-opened=\"1\" data-image-meta=\"{&quot;aperture&quot;:&quot;0&quot;,&quot;credit&quot;:&quot;&quot;,&quot;camera&quot;:&quot;&quot;,&quot;caption&quot;:&quot;&quot;,&quot;created_timestamp&quot;:&quot;0&quot;,&quot;copyright&quot;:&quot;&quot;,&quot;focal_length&quot;:&quot;0&quot;,&quot;iso&quot;:&quot;0&quot;,&quot;shutter_speed&quot;:&quot;0&quot;,&quot;title&quot;:&quot;&quot;,&quot;orientation&quot;:&quot;0&quot;}\" data-image-title=\"Capture d\u2019e\u0301cran, le 2025-02-09 a\u0300 09.08.11\" data-image-description=\"\" data-medium-file=\"https:\/\/i0.wp.com\/itayachtscanada.com\/wp-content\/uploads\/2025\/02\/Capture-decran-le-2025-02-09-a-09.08.11.jpg?fit=223%2C300&#038;ssl=1\" data-large-file=\"https:\/\/i0.wp.com\/itayachtscanada.com\/wp-content\/uploads\/2025\/02\/Capture-decran-le-2025-02-09-a-09.08.11.jpg?fit=700%2C942&#038;ssl=1\" src=\"https:\/\/i0.wp.com\/itayachtscanada.com\/wp-content\/uploads\/2025\/02\/Capture-decran-le-2025-02-09-a-09.08.11.jpg?w=422&#038;h=567&#038;ssl=1\" srcset=\"https:\/\/i0.wp.com\/itayachtscanada.com\/wp-content\/uploads\/2025\/02\/Capture-decran-le-2025-02-09-a-09.08.11.jpg?w=742&amp;ssl=1 742w, https:\/\/i0.wp.com\/itayachtscanada.com\/wp-content\/uploads\/2025\/02\/Capture-decran-le-2025-02-09-a-09.08.11.jpg?resize=223%2C300&amp;ssl=1 223w, https:\/\/i0.wp.com\/itayachtscanada.com\/wp-content\/uploads\/2025\/02\/Capture-decran-le-2025-02-09-a-09.08.11.jpg?resize=700%2C942&amp;ssl=1 700w, https:\/\/i0.wp.com\/itayachtscanada.com\/wp-content\/uploads\/2025\/02\/Capture-decran-le-2025-02-09-a-09.08.11.jpg?resize=297%2C400&amp;ssl=1 297w\" width=\"422\" height=\"567\" loading=\"lazy\" data-original-width=\"422\" data-original-height=\"567\" itemprop=\"http:\/\/schema.org\/image\" title=\"Capture d\u2019e\u0301cran, le 2025-02-09 a\u0300 09.08.11\" alt=\"Capture d\u2019e\u0301cran, le 2025-02-09 a\u0300 09.08.11\" style=\"width: 422px; height: 567px;\" \/> <\/a> <\/div> <\/div> <!-- close group --> <div class=\"gallery-group images-3\" style=\"width: 274px; height: 571px;\" data-original-width=\"274\" data-original-height=\"571\" > <div class=\"tiled-gallery-item tiled-gallery-item-large\" itemprop=\"associatedMedia\" itemscope itemtype=\"http:\/\/schema.org\/ImageObject\"> <a href=\"https:\/\/itayachtscanada.com\/fr\/listing\/maritimo-m60-2024-3399000-usd-for-sale\/capture-decran-le-2025-02-09-a-09-08-03\/\" border=\"0\" itemprop=\"url\"> <meta itemprop=\"width\" content=\"270\"> <meta itemprop=\"height\" content=\"203\"> <img decoding=\"async\" class=\"\" data-attachment-id=\"204182\" data-orig-file=\"https:\/\/itayachtscanada.com\/wp-content\/uploads\/2025\/02\/Capture-decran-le-2025-02-09-a-09.08.03.jpg\" data-orig-size=\"1326,998\" data-comments-opened=\"1\" data-image-meta=\"{&quot;aperture&quot;:&quot;0&quot;,&quot;credit&quot;:&quot;&quot;,&quot;camera&quot;:&quot;&quot;,&quot;caption&quot;:&quot;&quot;,&quot;created_timestamp&quot;:&quot;0&quot;,&quot;copyright&quot;:&quot;&quot;,&quot;focal_length&quot;:&quot;0&quot;,&quot;iso&quot;:&quot;0&quot;,&quot;shutter_speed&quot;:&quot;0&quot;,&quot;title&quot;:&quot;&quot;,&quot;orientation&quot;:&quot;0&quot;}\" data-image-title=\"Capture d\u2019e\u0301cran, le 2025-02-09 a\u0300 09.08.03\" data-image-description=\"\" data-medium-file=\"https:\/\/i0.wp.com\/itayachtscanada.com\/wp-content\/uploads\/2025\/02\/Capture-decran-le-2025-02-09-a-09.08.03.jpg?fit=300%2C226&#038;ssl=1\" data-large-file=\"https:\/\/i0.wp.com\/itayachtscanada.com\/wp-content\/uploads\/2025\/02\/Capture-decran-le-2025-02-09-a-09.08.03.jpg?fit=700%2C527&#038;ssl=1\" src=\"https:\/\/i0.wp.com\/itayachtscanada.com\/wp-content\/uploads\/2025\/02\/Capture-decran-le-2025-02-09-a-09.08.03.jpg?w=270&#038;h=203&#038;ssl=1\" srcset=\"https:\/\/i0.wp.com\/itayachtscanada.com\/wp-content\/uploads\/2025\/02\/Capture-decran-le-2025-02-09-a-09.08.03.jpg?w=1326&amp;ssl=1 1326w, https:\/\/i0.wp.com\/itayachtscanada.com\/wp-content\/uploads\/2025\/02\/Capture-decran-le-2025-02-09-a-09.08.03.jpg?resize=300%2C226&amp;ssl=1 300w, https:\/\/i0.wp.com\/itayachtscanada.com\/wp-content\/uploads\/2025\/02\/Capture-decran-le-2025-02-09-a-09.08.03.jpg?resize=1024%2C771&amp;ssl=1 1024w, https:\/\/i0.wp.com\/itayachtscanada.com\/wp-content\/uploads\/2025\/02\/Capture-decran-le-2025-02-09-a-09.08.03.jpg?resize=768%2C578&amp;ssl=1 768w, https:\/\/i0.wp.com\/itayachtscanada.com\/wp-content\/uploads\/2025\/02\/Capture-decran-le-2025-02-09-a-09.08.03.jpg?resize=700%2C527&amp;ssl=1 700w, https:\/\/i0.wp.com\/itayachtscanada.com\/wp-content\/uploads\/2025\/02\/Capture-decran-le-2025-02-09-a-09.08.03.jpg?resize=531%2C400&amp;ssl=1 531w\" width=\"270\" height=\"203\" loading=\"lazy\" data-original-width=\"270\" data-original-height=\"203\" itemprop=\"http:\/\/schema.org\/image\" title=\"Capture d\u2019e\u0301cran, le 2025-02-09 a\u0300 09.08.03\" alt=\"Capture d\u2019e\u0301cran, le 2025-02-09 a\u0300 09.08.03\" style=\"width: 270px; height: 203px;\" \/> <\/a> <\/div> <div class=\"tiled-gallery-item tiled-gallery-item-large\" itemprop=\"associatedMedia\" itemscope itemtype=\"http:\/\/schema.org\/ImageObject\"> <a href=\"https:\/\/itayachtscanada.com\/fr\/listing\/maritimo-m60-2024-3399000-usd-for-sale\/capture-decran-le-2025-02-09-a-09-07-53\/\" border=\"0\" itemprop=\"url\"> <meta itemprop=\"width\" content=\"270\"> <meta itemprop=\"height\" content=\"203\"> <img decoding=\"async\" class=\"\" data-attachment-id=\"204183\" data-orig-file=\"https:\/\/itayachtscanada.com\/wp-content\/uploads\/2025\/02\/Capture-decran-le-2025-02-09-a-09.07.53.jpg\" data-orig-size=\"1326,998\" data-comments-opened=\"1\" data-image-meta=\"{&quot;aperture&quot;:&quot;0&quot;,&quot;credit&quot;:&quot;&quot;,&quot;camera&quot;:&quot;&quot;,&quot;caption&quot;:&quot;&quot;,&quot;created_timestamp&quot;:&quot;0&quot;,&quot;copyright&quot;:&quot;&quot;,&quot;focal_length&quot;:&quot;0&quot;,&quot;iso&quot;:&quot;0&quot;,&quot;shutter_speed&quot;:&quot;0&quot;,&quot;title&quot;:&quot;&quot;,&quot;orientation&quot;:&quot;0&quot;}\" data-image-title=\"Capture d\u2019e\u0301cran, le 2025-02-09 a\u0300 09.07.53\" data-image-description=\"\" data-medium-file=\"https:\/\/i0.wp.com\/itayachtscanada.com\/wp-content\/uploads\/2025\/02\/Capture-decran-le-2025-02-09-a-09.07.53.jpg?fit=300%2C226&#038;ssl=1\" data-large-file=\"https:\/\/i0.wp.com\/itayachtscanada.com\/wp-content\/uploads\/2025\/02\/Capture-decran-le-2025-02-09-a-09.07.53.jpg?fit=700%2C527&#038;ssl=1\" src=\"https:\/\/i0.wp.com\/itayachtscanada.com\/wp-content\/uploads\/2025\/02\/Capture-decran-le-2025-02-09-a-09.07.53.jpg?w=270&#038;h=203&#038;ssl=1\" srcset=\"https:\/\/i0.wp.com\/itayachtscanada.com\/wp-content\/uploads\/2025\/02\/Capture-decran-le-2025-02-09-a-09.07.53.jpg?w=1326&amp;ssl=1 1326w, https:\/\/i0.wp.com\/itayachtscanada.com\/wp-content\/uploads\/2025\/02\/Capture-decran-le-2025-02-09-a-09.07.53.jpg?resize=300%2C226&amp;ssl=1 300w, https:\/\/i0.wp.com\/itayachtscanada.com\/wp-content\/uploads\/2025\/02\/Capture-decran-le-2025-02-09-a-09.07.53.jpg?resize=1024%2C771&amp;ssl=1 1024w, https:\/\/i0.wp.com\/itayachtscanada.com\/wp-content\/uploads\/2025\/02\/Capture-decran-le-2025-02-09-a-09.07.53.jpg?resize=768%2C578&amp;ssl=1 768w, https:\/\/i0.wp.com\/itayachtscanada.com\/wp-content\/uploads\/2025\/02\/Capture-decran-le-2025-02-09-a-09.07.53.jpg?resize=700%2C527&amp;ssl=1 700w, https:\/\/i0.wp.com\/itayachtscanada.com\/wp-content\/uploads\/2025\/02\/Capture-decran-le-2025-02-09-a-09.07.53.jpg?resize=531%2C400&amp;ssl=1 531w\" width=\"270\" height=\"203\" loading=\"lazy\" data-original-width=\"270\" data-original-height=\"203\" itemprop=\"http:\/\/schema.org\/image\" title=\"Capture d\u2019e\u0301cran, le 2025-02-09 a\u0300 09.07.53\" alt=\"Capture d\u2019e\u0301cran, le 2025-02-09 a\u0300 09.07.53\" style=\"width: 270px; height: 203px;\" \/> <\/a> <\/div> <div class=\"tiled-gallery-item tiled-gallery-item-large\" itemprop=\"associatedMedia\" itemscope itemtype=\"http:\/\/schema.org\/ImageObject\"> <a href=\"https:\/\/itayachtscanada.com\/fr\/listing\/maritimo-m60-2024-3399000-usd-for-sale\/capture-decran-le-2025-02-09-a-09-07-44\/\" border=\"0\" itemprop=\"url\"> <meta itemprop=\"width\" content=\"270\"> <meta itemprop=\"height\" content=\"153\"> <img decoding=\"async\" class=\"\" data-attachment-id=\"204184\" data-orig-file=\"https:\/\/itayachtscanada.com\/wp-content\/uploads\/2025\/02\/Capture-decran-le-2025-02-09-a-09.07.44.jpg\" data-orig-size=\"1764,998\" data-comments-opened=\"1\" data-image-meta=\"{&quot;aperture&quot;:&quot;0&quot;,&quot;credit&quot;:&quot;&quot;,&quot;camera&quot;:&quot;&quot;,&quot;caption&quot;:&quot;&quot;,&quot;created_timestamp&quot;:&quot;0&quot;,&quot;copyright&quot;:&quot;&quot;,&quot;focal_length&quot;:&quot;0&quot;,&quot;iso&quot;:&quot;0&quot;,&quot;shutter_speed&quot;:&quot;0&quot;,&quot;title&quot;:&quot;&quot;,&quot;orientation&quot;:&quot;0&quot;}\" data-image-title=\"Capture d\u2019e\u0301cran, le 2025-02-09 a\u0300 09.07.44\" data-image-description=\"\" data-medium-file=\"https:\/\/i0.wp.com\/itayachtscanada.com\/wp-content\/uploads\/2025\/02\/Capture-decran-le-2025-02-09-a-09.07.44.jpg?fit=300%2C170&#038;ssl=1\" data-large-file=\"https:\/\/i0.wp.com\/itayachtscanada.com\/wp-content\/uploads\/2025\/02\/Capture-decran-le-2025-02-09-a-09.07.44.jpg?fit=700%2C396&#038;ssl=1\" src=\"https:\/\/i0.wp.com\/itayachtscanada.com\/wp-content\/uploads\/2025\/02\/Capture-decran-le-2025-02-09-a-09.07.44.jpg?w=270&#038;h=153&#038;ssl=1\" srcset=\"https:\/\/i0.wp.com\/itayachtscanada.com\/wp-content\/uploads\/2025\/02\/Capture-decran-le-2025-02-09-a-09.07.44.jpg?w=1764&amp;ssl=1 1764w, https:\/\/i0.wp.com\/itayachtscanada.com\/wp-content\/uploads\/2025\/02\/Capture-decran-le-2025-02-09-a-09.07.44.jpg?resize=300%2C170&amp;ssl=1 300w, https:\/\/i0.wp.com\/itayachtscanada.com\/wp-content\/uploads\/2025\/02\/Capture-decran-le-2025-02-09-a-09.07.44.jpg?resize=1024%2C579&amp;ssl=1 1024w, https:\/\/i0.wp.com\/itayachtscanada.com\/wp-content\/uploads\/2025\/02\/Capture-decran-le-2025-02-09-a-09.07.44.jpg?resize=768%2C435&amp;ssl=1 768w, https:\/\/i0.wp.com\/itayachtscanada.com\/wp-content\/uploads\/2025\/02\/Capture-decran-le-2025-02-09-a-09.07.44.jpg?resize=1536%2C869&amp;ssl=1 1536w, https:\/\/i0.wp.com\/itayachtscanada.com\/wp-content\/uploads\/2025\/02\/Capture-decran-le-2025-02-09-a-09.07.44.jpg?resize=700%2C396&amp;ssl=1 700w, https:\/\/i0.wp.com\/itayachtscanada.com\/wp-content\/uploads\/2025\/02\/Capture-decran-le-2025-02-09-a-09.07.44.jpg?resize=707%2C400&amp;ssl=1 707w, https:\/\/i0.wp.com\/itayachtscanada.com\/wp-content\/uploads\/2025\/02\/Capture-decran-le-2025-02-09-a-09.07.44.jpg?w=1400&amp;ssl=1 1400w\" width=\"270\" height=\"153\" loading=\"lazy\" data-original-width=\"270\" data-original-height=\"153\" itemprop=\"http:\/\/schema.org\/image\" title=\"Capture d\u2019e\u0301cran, le 2025-02-09 a\u0300 09.07.44\" alt=\"Capture d\u2019e\u0301cran, le 2025-02-09 a\u0300 09.07.44\" style=\"width: 270px; height: 153px;\" \/> <\/a> <\/div> <\/div> <!-- close group --> <\/div> <!-- close row --> <div class=\"gallery-row\" style=\"width: 700px; height: 284px;\" data-original-width=\"700\" data-original-height=\"284\" > <div class=\"gallery-group images-1\" style=\"width: 375px; height: 284px;\" data-original-width=\"375\" data-original-height=\"284\" > <div class=\"tiled-gallery-item tiled-gallery-item-large\" itemprop=\"associatedMedia\" itemscope itemtype=\"http:\/\/schema.org\/ImageObject\"> <a href=\"https:\/\/itayachtscanada.com\/fr\/listing\/maritimo-m60-2024-3399000-usd-for-sale\/capture-decran-le-2025-02-09-a-09-07-36\/\" border=\"0\" itemprop=\"url\"> <meta itemprop=\"width\" content=\"371\"> <meta itemprop=\"height\" content=\"280\"> <img decoding=\"async\" class=\"\" data-attachment-id=\"204185\" data-orig-file=\"https:\/\/itayachtscanada.com\/wp-content\/uploads\/2025\/02\/Capture-decran-le-2025-02-09-a-09.07.36.jpg\" data-orig-size=\"1322,998\" data-comments-opened=\"1\" data-image-meta=\"{&quot;aperture&quot;:&quot;0&quot;,&quot;credit&quot;:&quot;&quot;,&quot;camera&quot;:&quot;&quot;,&quot;caption&quot;:&quot;&quot;,&quot;created_timestamp&quot;:&quot;0&quot;,&quot;copyright&quot;:&quot;&quot;,&quot;focal_length&quot;:&quot;0&quot;,&quot;iso&quot;:&quot;0&quot;,&quot;shutter_speed&quot;:&quot;0&quot;,&quot;title&quot;:&quot;&quot;,&quot;orientation&quot;:&quot;0&quot;}\" data-image-title=\"Capture d\u2019e\u0301cran, le 2025-02-09 a\u0300 09.07.36\" data-image-description=\"\" data-medium-file=\"https:\/\/i0.wp.com\/itayachtscanada.com\/wp-content\/uploads\/2025\/02\/Capture-decran-le-2025-02-09-a-09.07.36.jpg?fit=300%2C226&#038;ssl=1\" data-large-file=\"https:\/\/i0.wp.com\/itayachtscanada.com\/wp-content\/uploads\/2025\/02\/Capture-decran-le-2025-02-09-a-09.07.36.jpg?fit=700%2C528&#038;ssl=1\" src=\"https:\/\/i0.wp.com\/itayachtscanada.com\/wp-content\/uploads\/2025\/02\/Capture-decran-le-2025-02-09-a-09.07.36.jpg?w=371&#038;h=280&#038;ssl=1\" srcset=\"https:\/\/i0.wp.com\/itayachtscanada.com\/wp-content\/uploads\/2025\/02\/Capture-decran-le-2025-02-09-a-09.07.36.jpg?w=1322&amp;ssl=1 1322w, https:\/\/i0.wp.com\/itayachtscanada.com\/wp-content\/uploads\/2025\/02\/Capture-decran-le-2025-02-09-a-09.07.36.jpg?resize=300%2C226&amp;ssl=1 300w, https:\/\/i0.wp.com\/itayachtscanada.com\/wp-content\/uploads\/2025\/02\/Capture-decran-le-2025-02-09-a-09.07.36.jpg?resize=1024%2C773&amp;ssl=1 1024w, https:\/\/i0.wp.com\/itayachtscanada.com\/wp-content\/uploads\/2025\/02\/Capture-decran-le-2025-02-09-a-09.07.36.jpg?resize=768%2C580&amp;ssl=1 768w, https:\/\/i0.wp.com\/itayachtscanada.com\/wp-content\/uploads\/2025\/02\/Capture-decran-le-2025-02-09-a-09.07.36.jpg?resize=700%2C528&amp;ssl=1 700w, https:\/\/i0.wp.com\/itayachtscanada.com\/wp-content\/uploads\/2025\/02\/Capture-decran-le-2025-02-09-a-09.07.36.jpg?resize=530%2C400&amp;ssl=1 530w\" width=\"371\" height=\"280\" loading=\"lazy\" data-original-width=\"371\" data-original-height=\"280\" itemprop=\"http:\/\/schema.org\/image\" title=\"Capture d\u2019e\u0301cran, le 2025-02-09 a\u0300 09.07.36\" alt=\"Capture d\u2019e\u0301cran, le 2025-02-09 a\u0300 09.07.36\" style=\"width: 371px; height: 280px;\" \/> <\/a> <\/div> <\/div> <!-- close group --> <div class=\"gallery-group images-1\" style=\"width: 163px; height: 284px;\" data-original-width=\"163\" data-original-height=\"284\" > <div class=\"tiled-gallery-item tiled-gallery-item-small\" itemprop=\"associatedMedia\" itemscope itemtype=\"http:\/\/schema.org\/ImageObject\"> <a href=\"https:\/\/itayachtscanada.com\/fr\/listing\/maritimo-m60-2024-3399000-usd-for-sale\/capture-decran-le-2025-02-09-a-09-07-33\/\" border=\"0\" itemprop=\"url\"> <meta itemprop=\"width\" content=\"159\"> <meta itemprop=\"height\" content=\"280\"> <img decoding=\"async\" class=\"\" data-attachment-id=\"204186\" data-orig-file=\"https:\/\/itayachtscanada.com\/wp-content\/uploads\/2025\/02\/Capture-decran-le-2025-02-09-a-09.07.33.jpg\" data-orig-size=\"564,998\" data-comments-opened=\"1\" data-image-meta=\"{&quot;aperture&quot;:&quot;0&quot;,&quot;credit&quot;:&quot;&quot;,&quot;camera&quot;:&quot;&quot;,&quot;caption&quot;:&quot;&quot;,&quot;created_timestamp&quot;:&quot;0&quot;,&quot;copyright&quot;:&quot;&quot;,&quot;focal_length&quot;:&quot;0&quot;,&quot;iso&quot;:&quot;0&quot;,&quot;shutter_speed&quot;:&quot;0&quot;,&quot;title&quot;:&quot;&quot;,&quot;orientation&quot;:&quot;0&quot;}\" data-image-title=\"Capture d\u2019e\u0301cran, le 2025-02-09 a\u0300 09.07.33\" data-image-description=\"\" data-medium-file=\"https:\/\/i0.wp.com\/itayachtscanada.com\/wp-content\/uploads\/2025\/02\/Capture-decran-le-2025-02-09-a-09.07.33.jpg?fit=170%2C300&#038;ssl=1\" data-large-file=\"https:\/\/i0.wp.com\/itayachtscanada.com\/wp-content\/uploads\/2025\/02\/Capture-decran-le-2025-02-09-a-09.07.33.jpg?fit=564%2C998&#038;ssl=1\" src=\"https:\/\/i0.wp.com\/itayachtscanada.com\/wp-content\/uploads\/2025\/02\/Capture-decran-le-2025-02-09-a-09.07.33.jpg?w=159&#038;h=280&#038;ssl=1\" srcset=\"https:\/\/i0.wp.com\/itayachtscanada.com\/wp-content\/uploads\/2025\/02\/Capture-decran-le-2025-02-09-a-09.07.33.jpg?w=564&amp;ssl=1 564w, https:\/\/i0.wp.com\/itayachtscanada.com\/wp-content\/uploads\/2025\/02\/Capture-decran-le-2025-02-09-a-09.07.33.jpg?resize=170%2C300&amp;ssl=1 170w, https:\/\/i0.wp.com\/itayachtscanada.com\/wp-content\/uploads\/2025\/02\/Capture-decran-le-2025-02-09-a-09.07.33.jpg?resize=226%2C400&amp;ssl=1 226w\" width=\"159\" height=\"280\" loading=\"lazy\" data-original-width=\"159\" data-original-height=\"280\" itemprop=\"http:\/\/schema.org\/image\" title=\"Capture d\u2019e\u0301cran, le 2025-02-09 a\u0300 09.07.33\" alt=\"Capture d\u2019e\u0301cran, le 2025-02-09 a\u0300 09.07.33\" style=\"width: 159px; height: 280px;\" \/> <\/a> <\/div> <\/div> <!-- close group --> <div class=\"gallery-group images-1\" style=\"width: 162px; height: 284px;\" data-original-width=\"162\" data-original-height=\"284\" > <div class=\"tiled-gallery-item tiled-gallery-item-small\" itemprop=\"associatedMedia\" itemscope itemtype=\"http:\/\/schema.org\/ImageObject\"> <a href=\"https:\/\/itayachtscanada.com\/fr\/listing\/maritimo-m60-2024-3399000-usd-for-sale\/capture-decran-le-2025-02-09-a-09-07-24\/\" border=\"0\" itemprop=\"url\"> <meta itemprop=\"width\" content=\"158\"> <meta itemprop=\"height\" content=\"280\"> <img decoding=\"async\" class=\"\" data-attachment-id=\"204187\" data-orig-file=\"https:\/\/itayachtscanada.com\/wp-content\/uploads\/2025\/02\/Capture-decran-le-2025-02-09-a-09.07.24.jpg\" data-orig-size=\"564,998\" data-comments-opened=\"1\" data-image-meta=\"{&quot;aperture&quot;:&quot;0&quot;,&quot;credit&quot;:&quot;&quot;,&quot;camera&quot;:&quot;&quot;,&quot;caption&quot;:&quot;&quot;,&quot;created_timestamp&quot;:&quot;0&quot;,&quot;copyright&quot;:&quot;&quot;,&quot;focal_length&quot;:&quot;0&quot;,&quot;iso&quot;:&quot;0&quot;,&quot;shutter_speed&quot;:&quot;0&quot;,&quot;title&quot;:&quot;&quot;,&quot;orientation&quot;:&quot;0&quot;}\" data-image-title=\"Capture d\u2019e\u0301cran, le 2025-02-09 a\u0300 09.07.24\" data-image-description=\"\" data-medium-file=\"https:\/\/i0.wp.com\/itayachtscanada.com\/wp-content\/uploads\/2025\/02\/Capture-decran-le-2025-02-09-a-09.07.24.jpg?fit=170%2C300&#038;ssl=1\" data-large-file=\"https:\/\/i0.wp.com\/itayachtscanada.com\/wp-content\/uploads\/2025\/02\/Capture-decran-le-2025-02-09-a-09.07.24.jpg?fit=564%2C998&#038;ssl=1\" src=\"https:\/\/i0.wp.com\/itayachtscanada.com\/wp-content\/uploads\/2025\/02\/Capture-decran-le-2025-02-09-a-09.07.24.jpg?w=158&#038;h=280&#038;ssl=1\" srcset=\"https:\/\/i0.wp.com\/itayachtscanada.com\/wp-content\/uploads\/2025\/02\/Capture-decran-le-2025-02-09-a-09.07.24.jpg?w=564&amp;ssl=1 564w, https:\/\/i0.wp.com\/itayachtscanada.com\/wp-content\/uploads\/2025\/02\/Capture-decran-le-2025-02-09-a-09.07.24.jpg?resize=170%2C300&amp;ssl=1 170w, https:\/\/i0.wp.com\/itayachtscanada.com\/wp-content\/uploads\/2025\/02\/Capture-decran-le-2025-02-09-a-09.07.24.jpg?resize=226%2C400&amp;ssl=1 226w\" width=\"158\" height=\"280\" loading=\"lazy\" data-original-width=\"158\" data-original-height=\"280\" itemprop=\"http:\/\/schema.org\/image\" title=\"Capture d\u2019e\u0301cran, le 2025-02-09 a\u0300 09.07.24\" alt=\"Capture d\u2019e\u0301cran, le 2025-02-09 a\u0300 09.07.24\" style=\"width: 158px; height: 280px;\" \/> <\/a> <\/div> <\/div> <!-- close group --> <\/div> <!-- close row --> <div class=\"gallery-row\" style=\"width: 700px; height: 205px;\" data-original-width=\"700\" data-original-height=\"205\" > <div class=\"gallery-group images-1\" style=\"width: 359px; height: 205px;\" data-original-width=\"359\" data-original-height=\"205\" > <div class=\"tiled-gallery-item tiled-gallery-item-large\" itemprop=\"associatedMedia\" itemscope itemtype=\"http:\/\/schema.org\/ImageObject\"> <a href=\"https:\/\/itayachtscanada.com\/fr\/listing\/maritimo-m60-2024-3399000-usd-for-sale\/capture-decran-le-2025-02-09-a-09-07-16\/\" border=\"0\" itemprop=\"url\"> <meta itemprop=\"width\" content=\"355\"> <meta itemprop=\"height\" content=\"201\"> <img decoding=\"async\" class=\"\" data-attachment-id=\"204188\" data-orig-file=\"https:\/\/itayachtscanada.com\/wp-content\/uploads\/2025\/02\/Capture-decran-le-2025-02-09-a-09.07.16.jpg\" data-orig-size=\"1766,998\" data-comments-opened=\"1\" data-image-meta=\"{&quot;aperture&quot;:&quot;0&quot;,&quot;credit&quot;:&quot;&quot;,&quot;camera&quot;:&quot;&quot;,&quot;caption&quot;:&quot;&quot;,&quot;created_timestamp&quot;:&quot;0&quot;,&quot;copyright&quot;:&quot;&quot;,&quot;focal_length&quot;:&quot;0&quot;,&quot;iso&quot;:&quot;0&quot;,&quot;shutter_speed&quot;:&quot;0&quot;,&quot;title&quot;:&quot;&quot;,&quot;orientation&quot;:&quot;0&quot;}\" data-image-title=\"Capture d\u2019e\u0301cran, le 2025-02-09 a\u0300 09.07.16\" data-image-description=\"\" data-medium-file=\"https:\/\/i0.wp.com\/itayachtscanada.com\/wp-content\/uploads\/2025\/02\/Capture-decran-le-2025-02-09-a-09.07.16.jpg?fit=300%2C170&#038;ssl=1\" data-large-file=\"https:\/\/i0.wp.com\/itayachtscanada.com\/wp-content\/uploads\/2025\/02\/Capture-decran-le-2025-02-09-a-09.07.16.jpg?fit=700%2C396&#038;ssl=1\" src=\"https:\/\/i0.wp.com\/itayachtscanada.com\/wp-content\/uploads\/2025\/02\/Capture-decran-le-2025-02-09-a-09.07.16.jpg?w=355&#038;h=201&#038;ssl=1\" srcset=\"https:\/\/i0.wp.com\/itayachtscanada.com\/wp-content\/uploads\/2025\/02\/Capture-decran-le-2025-02-09-a-09.07.16.jpg?w=1766&amp;ssl=1 1766w, https:\/\/i0.wp.com\/itayachtscanada.com\/wp-content\/uploads\/2025\/02\/Capture-decran-le-2025-02-09-a-09.07.16.jpg?resize=300%2C170&amp;ssl=1 300w, https:\/\/i0.wp.com\/itayachtscanada.com\/wp-content\/uploads\/2025\/02\/Capture-decran-le-2025-02-09-a-09.07.16.jpg?resize=1024%2C579&amp;ssl=1 1024w, https:\/\/i0.wp.com\/itayachtscanada.com\/wp-content\/uploads\/2025\/02\/Capture-decran-le-2025-02-09-a-09.07.16.jpg?resize=768%2C434&amp;ssl=1 768w, https:\/\/i0.wp.com\/itayachtscanada.com\/wp-content\/uploads\/2025\/02\/Capture-decran-le-2025-02-09-a-09.07.16.jpg?resize=1536%2C868&amp;ssl=1 1536w, https:\/\/i0.wp.com\/itayachtscanada.com\/wp-content\/uploads\/2025\/02\/Capture-decran-le-2025-02-09-a-09.07.16.jpg?resize=700%2C396&amp;ssl=1 700w, https:\/\/i0.wp.com\/itayachtscanada.com\/wp-content\/uploads\/2025\/02\/Capture-decran-le-2025-02-09-a-09.07.16.jpg?resize=708%2C400&amp;ssl=1 708w, https:\/\/i0.wp.com\/itayachtscanada.com\/wp-content\/uploads\/2025\/02\/Capture-decran-le-2025-02-09-a-09.07.16.jpg?w=1400&amp;ssl=1 1400w\" width=\"355\" height=\"201\" loading=\"lazy\" data-original-width=\"355\" data-original-height=\"201\" itemprop=\"http:\/\/schema.org\/image\" title=\"Capture d\u2019e\u0301cran, le 2025-02-09 a\u0300 09.07.16\" alt=\"Capture d\u2019e\u0301cran, le 2025-02-09 a\u0300 09.07.16\" style=\"width: 355px; height: 201px;\" \/> <\/a> <\/div> <\/div> <!-- close group --> <div class=\"gallery-group images-1\" style=\"width: 114px; height: 205px;\" data-original-width=\"114\" data-original-height=\"205\" > <div class=\"tiled-gallery-item tiled-gallery-item-small\" itemprop=\"associatedMedia\" itemscope itemtype=\"http:\/\/schema.org\/ImageObject\"> <a href=\"https:\/\/itayachtscanada.com\/fr\/listing\/maritimo-m60-2024-3399000-usd-for-sale\/capture-decran-le-2025-02-09-a-09-07-13\/\" border=\"0\" itemprop=\"url\"> <meta itemprop=\"width\" content=\"110\"> <meta itemprop=\"height\" content=\"201\"> <img decoding=\"async\" class=\"\" data-attachment-id=\"204189\" data-orig-file=\"https:\/\/itayachtscanada.com\/wp-content\/uploads\/2025\/02\/Capture-decran-le-2025-02-09-a-09.07.13.jpg\" data-orig-size=\"546,998\" data-comments-opened=\"1\" data-image-meta=\"{&quot;aperture&quot;:&quot;0&quot;,&quot;credit&quot;:&quot;&quot;,&quot;camera&quot;:&quot;&quot;,&quot;caption&quot;:&quot;&quot;,&quot;created_timestamp&quot;:&quot;0&quot;,&quot;copyright&quot;:&quot;&quot;,&quot;focal_length&quot;:&quot;0&quot;,&quot;iso&quot;:&quot;0&quot;,&quot;shutter_speed&quot;:&quot;0&quot;,&quot;title&quot;:&quot;&quot;,&quot;orientation&quot;:&quot;0&quot;}\" data-image-title=\"Capture d\u2019e\u0301cran, le 2025-02-09 a\u0300 09.07.13\" data-image-description=\"\" data-medium-file=\"https:\/\/i0.wp.com\/itayachtscanada.com\/wp-content\/uploads\/2025\/02\/Capture-decran-le-2025-02-09-a-09.07.13.jpg?fit=164%2C300&#038;ssl=1\" data-large-file=\"https:\/\/i0.wp.com\/itayachtscanada.com\/wp-content\/uploads\/2025\/02\/Capture-decran-le-2025-02-09-a-09.07.13.jpg?fit=546%2C998&#038;ssl=1\" src=\"https:\/\/i0.wp.com\/itayachtscanada.com\/wp-content\/uploads\/2025\/02\/Capture-decran-le-2025-02-09-a-09.07.13.jpg?w=110&#038;h=201&#038;ssl=1\" srcset=\"https:\/\/i0.wp.com\/itayachtscanada.com\/wp-content\/uploads\/2025\/02\/Capture-decran-le-2025-02-09-a-09.07.13.jpg?w=546&amp;ssl=1 546w, https:\/\/i0.wp.com\/itayachtscanada.com\/wp-content\/uploads\/2025\/02\/Capture-decran-le-2025-02-09-a-09.07.13.jpg?resize=164%2C300&amp;ssl=1 164w, https:\/\/i0.wp.com\/itayachtscanada.com\/wp-content\/uploads\/2025\/02\/Capture-decran-le-2025-02-09-a-09.07.13.jpg?resize=219%2C400&amp;ssl=1 219w\" width=\"110\" height=\"201\" loading=\"lazy\" data-original-width=\"110\" data-original-height=\"201\" itemprop=\"http:\/\/schema.org\/image\" title=\"Capture d\u2019e\u0301cran, le 2025-02-09 a\u0300 09.07.13\" alt=\"Capture d\u2019e\u0301cran, le 2025-02-09 a\u0300 09.07.13\" style=\"width: 110px; height: 201px;\" \/> <\/a> <\/div> <\/div> <!-- close group --> <div class=\"gallery-group images-1\" style=\"width: 114px; height: 205px;\" data-original-width=\"114\" data-original-height=\"205\" > <div class=\"tiled-gallery-item tiled-gallery-item-small\" itemprop=\"associatedMedia\" itemscope itemtype=\"http:\/\/schema.org\/ImageObject\"> <a href=\"https:\/\/itayachtscanada.com\/fr\/listing\/maritimo-m60-2024-3399000-usd-for-sale\/capture-decran-le-2025-02-09-a-09-07-10\/\" border=\"0\" itemprop=\"url\"> <meta itemprop=\"width\" content=\"110\"> <meta itemprop=\"height\" content=\"201\"> <img decoding=\"async\" class=\"\" data-attachment-id=\"204190\" data-orig-file=\"https:\/\/itayachtscanada.com\/wp-content\/uploads\/2025\/02\/Capture-decran-le-2025-02-09-a-09.07.10.jpg\" data-orig-size=\"546,998\" data-comments-opened=\"1\" data-image-meta=\"{&quot;aperture&quot;:&quot;0&quot;,&quot;credit&quot;:&quot;&quot;,&quot;camera&quot;:&quot;&quot;,&quot;caption&quot;:&quot;&quot;,&quot;created_timestamp&quot;:&quot;0&quot;,&quot;copyright&quot;:&quot;&quot;,&quot;focal_length&quot;:&quot;0&quot;,&quot;iso&quot;:&quot;0&quot;,&quot;shutter_speed&quot;:&quot;0&quot;,&quot;title&quot;:&quot;&quot;,&quot;orientation&quot;:&quot;0&quot;}\" data-image-title=\"Capture d\u2019e\u0301cran, le 2025-02-09 a\u0300 09.07.10\" data-image-description=\"\" data-medium-file=\"https:\/\/i0.wp.com\/itayachtscanada.com\/wp-content\/uploads\/2025\/02\/Capture-decran-le-2025-02-09-a-09.07.10.jpg?fit=164%2C300&#038;ssl=1\" data-large-file=\"https:\/\/i0.wp.com\/itayachtscanada.com\/wp-content\/uploads\/2025\/02\/Capture-decran-le-2025-02-09-a-09.07.10.jpg?fit=546%2C998&#038;ssl=1\" src=\"https:\/\/i0.wp.com\/itayachtscanada.com\/wp-content\/uploads\/2025\/02\/Capture-decran-le-2025-02-09-a-09.07.10.jpg?w=110&#038;h=201&#038;ssl=1\" srcset=\"https:\/\/i0.wp.com\/itayachtscanada.com\/wp-content\/uploads\/2025\/02\/Capture-decran-le-2025-02-09-a-09.07.10.jpg?w=546&amp;ssl=1 546w, https:\/\/i0.wp.com\/itayachtscanada.com\/wp-content\/uploads\/2025\/02\/Capture-decran-le-2025-02-09-a-09.07.10.jpg?resize=164%2C300&amp;ssl=1 164w, https:\/\/i0.wp.com\/itayachtscanada.com\/wp-content\/uploads\/2025\/02\/Capture-decran-le-2025-02-09-a-09.07.10.jpg?resize=219%2C400&amp;ssl=1 219w\" width=\"110\" height=\"201\" loading=\"lazy\" data-original-width=\"110\" data-original-height=\"201\" itemprop=\"http:\/\/schema.org\/image\" title=\"Capture d\u2019e\u0301cran, le 2025-02-09 a\u0300 09.07.10\" alt=\"Capture d\u2019e\u0301cran, le 2025-02-09 a\u0300 09.07.10\" style=\"width: 110px; height: 201px;\" \/> <\/a> <\/div> <\/div> <!-- close group --> <div class=\"gallery-group images-1\" style=\"width: 113px; height: 205px;\" data-original-width=\"113\" data-original-height=\"205\" > <div class=\"tiled-gallery-item tiled-gallery-item-small\" itemprop=\"associatedMedia\" itemscope itemtype=\"http:\/\/schema.org\/ImageObject\"> <a href=\"https:\/\/itayachtscanada.com\/fr\/listing\/maritimo-m60-2024-3399000-usd-for-sale\/capture-decran-le-2025-02-09-a-09-07-02\/\" border=\"0\" itemprop=\"url\"> <meta itemprop=\"width\" content=\"109\"> <meta itemprop=\"height\" content=\"201\"> <img decoding=\"async\" class=\"\" data-attachment-id=\"204191\" data-orig-file=\"https:\/\/itayachtscanada.com\/wp-content\/uploads\/2025\/02\/Capture-decran-le-2025-02-09-a-09.07.02.jpg\" data-orig-size=\"546,998\" data-comments-opened=\"1\" data-image-meta=\"{&quot;aperture&quot;:&quot;0&quot;,&quot;credit&quot;:&quot;&quot;,&quot;camera&quot;:&quot;&quot;,&quot;caption&quot;:&quot;&quot;,&quot;created_timestamp&quot;:&quot;0&quot;,&quot;copyright&quot;:&quot;&quot;,&quot;focal_length&quot;:&quot;0&quot;,&quot;iso&quot;:&quot;0&quot;,&quot;shutter_speed&quot;:&quot;0&quot;,&quot;title&quot;:&quot;&quot;,&quot;orientation&quot;:&quot;0&quot;}\" data-image-title=\"Capture d\u2019e\u0301cran, le 2025-02-09 a\u0300 09.07.02\" data-image-description=\"\" data-medium-file=\"https:\/\/i0.wp.com\/itayachtscanada.com\/wp-content\/uploads\/2025\/02\/Capture-decran-le-2025-02-09-a-09.07.02.jpg?fit=164%2C300&#038;ssl=1\" data-large-file=\"https:\/\/i0.wp.com\/itayachtscanada.com\/wp-content\/uploads\/2025\/02\/Capture-decran-le-2025-02-09-a-09.07.02.jpg?fit=546%2C998&#038;ssl=1\" src=\"https:\/\/i0.wp.com\/itayachtscanada.com\/wp-content\/uploads\/2025\/02\/Capture-decran-le-2025-02-09-a-09.07.02.jpg?w=109&#038;h=201&#038;ssl=1\" width=\"109\" height=\"201\" loading=\"lazy\" data-original-width=\"109\" data-original-height=\"201\" itemprop=\"http:\/\/schema.org\/image\" title=\"Capture d\u2019e\u0301cran, le 2025-02-09 a\u0300 09.07.02\" alt=\"Capture d\u2019e\u0301cran, le 2025-02-09 a\u0300 09.07.02\" style=\"width: 109px; height: 201px;\" \/> <\/a> <\/div> <\/div> <!-- close group --> <\/div> <!-- close row --> <div class=\"gallery-row\" style=\"width: 700px; height: 251px;\" data-original-width=\"700\" data-original-height=\"251\" > <div class=\"gallery-group images-1\" style=\"width: 441px; height: 251px;\" data-original-width=\"441\" data-original-height=\"251\" > <div class=\"tiled-gallery-item tiled-gallery-item-large\" itemprop=\"associatedMedia\" itemscope itemtype=\"http:\/\/schema.org\/ImageObject\"> <a href=\"https:\/\/itayachtscanada.com\/fr\/listing\/maritimo-m60-2024-3399000-usd-for-sale\/capture-decran-le-2025-02-09-a-09-06-59\/\" border=\"0\" itemprop=\"url\"> <meta itemprop=\"width\" content=\"437\"> <meta itemprop=\"height\" content=\"247\"> <img decoding=\"async\" class=\"\" data-attachment-id=\"204192\" data-orig-file=\"https:\/\/itayachtscanada.com\/wp-content\/uploads\/2025\/02\/Capture-decran-le-2025-02-09-a-09.06.59.jpg\" data-orig-size=\"1764,998\" data-comments-opened=\"1\" data-image-meta=\"{&quot;aperture&quot;:&quot;0&quot;,&quot;credit&quot;:&quot;&quot;,&quot;camera&quot;:&quot;&quot;,&quot;caption&quot;:&quot;&quot;,&quot;created_timestamp&quot;:&quot;0&quot;,&quot;copyright&quot;:&quot;&quot;,&quot;focal_length&quot;:&quot;0&quot;,&quot;iso&quot;:&quot;0&quot;,&quot;shutter_speed&quot;:&quot;0&quot;,&quot;title&quot;:&quot;&quot;,&quot;orientation&quot;:&quot;0&quot;}\" data-image-title=\"Capture d\u2019e\u0301cran, le 2025-02-09 a\u0300 09.06.59\" data-image-description=\"\" data-medium-file=\"https:\/\/i0.wp.com\/itayachtscanada.com\/wp-content\/uploads\/2025\/02\/Capture-decran-le-2025-02-09-a-09.06.59.jpg?fit=300%2C170&#038;ssl=1\" data-large-file=\"https:\/\/i0.wp.com\/itayachtscanada.com\/wp-content\/uploads\/2025\/02\/Capture-decran-le-2025-02-09-a-09.06.59.jpg?fit=700%2C396&#038;ssl=1\" src=\"https:\/\/i0.wp.com\/itayachtscanada.com\/wp-content\/uploads\/2025\/02\/Capture-decran-le-2025-02-09-a-09.06.59.jpg?w=437&#038;h=247&#038;ssl=1\" srcset=\"https:\/\/i0.wp.com\/itayachtscanada.com\/wp-content\/uploads\/2025\/02\/Capture-decran-le-2025-02-09-a-09.06.59.jpg?w=1764&amp;ssl=1 1764w, https:\/\/i0.wp.com\/itayachtscanada.com\/wp-content\/uploads\/2025\/02\/Capture-decran-le-2025-02-09-a-09.06.59.jpg?resize=300%2C170&amp;ssl=1 300w, https:\/\/i0.wp.com\/itayachtscanada.com\/wp-content\/uploads\/2025\/02\/Capture-decran-le-2025-02-09-a-09.06.59.jpg?resize=1024%2C579&amp;ssl=1 1024w, https:\/\/i0.wp.com\/itayachtscanada.com\/wp-content\/uploads\/2025\/02\/Capture-decran-le-2025-02-09-a-09.06.59.jpg?resize=768%2C435&amp;ssl=1 768w, https:\/\/i0.wp.com\/itayachtscanada.com\/wp-content\/uploads\/2025\/02\/Capture-decran-le-2025-02-09-a-09.06.59.jpg?resize=1536%2C869&amp;ssl=1 1536w, https:\/\/i0.wp.com\/itayachtscanada.com\/wp-content\/uploads\/2025\/02\/Capture-decran-le-2025-02-09-a-09.06.59.jpg?resize=700%2C396&amp;ssl=1 700w, https:\/\/i0.wp.com\/itayachtscanada.com\/wp-content\/uploads\/2025\/02\/Capture-decran-le-2025-02-09-a-09.06.59.jpg?resize=707%2C400&amp;ssl=1 707w, https:\/\/i0.wp.com\/itayachtscanada.com\/wp-content\/uploads\/2025\/02\/Capture-decran-le-2025-02-09-a-09.06.59.jpg?w=1400&amp;ssl=1 1400w\" width=\"437\" height=\"247\" loading=\"lazy\" data-original-width=\"437\" data-original-height=\"247\" itemprop=\"http:\/\/schema.org\/image\" title=\"Capture d\u2019e\u0301cran, le 2025-02-09 a\u0300 09.06.59\" alt=\"Capture d\u2019e\u0301cran, le 2025-02-09 a\u0300 09.06.59\" style=\"width: 437px; height: 247px;\" \/> <\/a> <\/div> <\/div> <!-- close group --> <div class=\"gallery-group images-1\" style=\"width: 259px; height: 251px;\" data-original-width=\"259\" data-original-height=\"251\" > <div class=\"tiled-gallery-item tiled-gallery-item-large\" itemprop=\"associatedMedia\" itemscope itemtype=\"http:\/\/schema.org\/ImageObject\"> <a href=\"https:\/\/itayachtscanada.com\/fr\/listing\/maritimo-m60-2024-3399000-usd-for-sale\/layout-maritimo-m60\/\" border=\"0\" itemprop=\"url\"> <meta itemprop=\"width\" content=\"255\"> <meta itemprop=\"height\" content=\"247\"> <img decoding=\"async\" class=\"\" data-attachment-id=\"204197\" data-orig-file=\"https:\/\/itayachtscanada.com\/wp-content\/uploads\/2025\/02\/Layout-Maritimo-M60.jpg\" data-orig-size=\"1130,1094\" data-comments-opened=\"1\" data-image-meta=\"{&quot;aperture&quot;:&quot;0&quot;,&quot;credit&quot;:&quot;&quot;,&quot;camera&quot;:&quot;&quot;,&quot;caption&quot;:&quot;&quot;,&quot;created_timestamp&quot;:&quot;0&quot;,&quot;copyright&quot;:&quot;&quot;,&quot;focal_length&quot;:&quot;0&quot;,&quot;iso&quot;:&quot;0&quot;,&quot;shutter_speed&quot;:&quot;0&quot;,&quot;title&quot;:&quot;&quot;,&quot;orientation&quot;:&quot;0&quot;}\" data-image-title=\"Layout Maritimo M60\" data-image-description=\"\" data-medium-file=\"https:\/\/i0.wp.com\/itayachtscanada.com\/wp-content\/uploads\/2025\/02\/Layout-Maritimo-M60.jpg?fit=300%2C290&#038;ssl=1\" data-large-file=\"https:\/\/i0.wp.com\/itayachtscanada.com\/wp-content\/uploads\/2025\/02\/Layout-Maritimo-M60.jpg?fit=700%2C677&#038;ssl=1\" src=\"https:\/\/i0.wp.com\/itayachtscanada.com\/wp-content\/uploads\/2025\/02\/Layout-Maritimo-M60.jpg?w=255&#038;h=247&#038;ssl=1\" srcset=\"https:\/\/i0.wp.com\/itayachtscanada.com\/wp-content\/uploads\/2025\/02\/Layout-Maritimo-M60.jpg?w=1130&amp;ssl=1 1130w, https:\/\/i0.wp.com\/itayachtscanada.com\/wp-content\/uploads\/2025\/02\/Layout-Maritimo-M60.jpg?resize=300%2C290&amp;ssl=1 300w, https:\/\/i0.wp.com\/itayachtscanada.com\/wp-content\/uploads\/2025\/02\/Layout-Maritimo-M60.jpg?resize=1024%2C991&amp;ssl=1 1024w, https:\/\/i0.wp.com\/itayachtscanada.com\/wp-content\/uploads\/2025\/02\/Layout-Maritimo-M60.jpg?resize=768%2C744&amp;ssl=1 768w, https:\/\/i0.wp.com\/itayachtscanada.com\/wp-content\/uploads\/2025\/02\/Layout-Maritimo-M60.jpg?resize=700%2C678&amp;ssl=1 700w, https:\/\/i0.wp.com\/itayachtscanada.com\/wp-content\/uploads\/2025\/02\/Layout-Maritimo-M60.jpg?resize=413%2C400&amp;ssl=1 413w\" width=\"255\" height=\"247\" loading=\"lazy\" data-original-width=\"255\" data-original-height=\"247\" itemprop=\"http:\/\/schema.org\/image\" title=\"Layout Maritimo M60\" alt=\"Layout Maritimo M60\" style=\"width: 255px; height: 247px;\" \/> <\/a> <\/div> <\/div> <!-- close group --> <\/div> <!-- close row --> <div class=\"gallery-row\" style=\"width: 700px; height: 109px;\" data-original-width=\"700\" data-original-height=\"109\" > <div class=\"gallery-group images-1\" style=\"width: 190px; height: 109px;\" data-original-width=\"190\" data-original-height=\"109\" > <div class=\"tiled-gallery-item tiled-gallery-item-small\" itemprop=\"associatedMedia\" itemscope itemtype=\"http:\/\/schema.org\/ImageObject\"> <a href=\"https:\/\/itayachtscanada.com\/fr\/listing\/maritimo-m60-2024-3399000-usd-for-sale\/capture-decran-le-2025-02-09-a-09-06-42\/\" border=\"0\" itemprop=\"url\"> <meta itemprop=\"width\" content=\"186\"> <meta itemprop=\"height\" content=\"105\"> <img decoding=\"async\" class=\"\" data-attachment-id=\"204193\" data-orig-file=\"https:\/\/itayachtscanada.com\/wp-content\/uploads\/2025\/02\/Capture-decran-le-2025-02-09-a-09.06.42.jpg\" data-orig-size=\"1764,998\" data-comments-opened=\"1\" data-image-meta=\"{&quot;aperture&quot;:&quot;0&quot;,&quot;credit&quot;:&quot;&quot;,&quot;camera&quot;:&quot;&quot;,&quot;caption&quot;:&quot;&quot;,&quot;created_timestamp&quot;:&quot;0&quot;,&quot;copyright&quot;:&quot;&quot;,&quot;focal_length&quot;:&quot;0&quot;,&quot;iso&quot;:&quot;0&quot;,&quot;shutter_speed&quot;:&quot;0&quot;,&quot;title&quot;:&quot;&quot;,&quot;orientation&quot;:&quot;0&quot;}\" data-image-title=\"Capture d\u2019e\u0301cran, le 2025-02-09 a\u0300 09.06.42\" data-image-description=\"\" data-medium-file=\"https:\/\/i0.wp.com\/itayachtscanada.com\/wp-content\/uploads\/2025\/02\/Capture-decran-le-2025-02-09-a-09.06.42.jpg?fit=300%2C170&#038;ssl=1\" data-large-file=\"https:\/\/i0.wp.com\/itayachtscanada.com\/wp-content\/uploads\/2025\/02\/Capture-decran-le-2025-02-09-a-09.06.42.jpg?fit=700%2C396&#038;ssl=1\" src=\"https:\/\/i0.wp.com\/itayachtscanada.com\/wp-content\/uploads\/2025\/02\/Capture-decran-le-2025-02-09-a-09.06.42.jpg?w=186&#038;h=105&#038;ssl=1\" srcset=\"https:\/\/i0.wp.com\/itayachtscanada.com\/wp-content\/uploads\/2025\/02\/Capture-decran-le-2025-02-09-a-09.06.42.jpg?w=1764&amp;ssl=1 1764w, https:\/\/i0.wp.com\/itayachtscanada.com\/wp-content\/uploads\/2025\/02\/Capture-decran-le-2025-02-09-a-09.06.42.jpg?resize=300%2C170&amp;ssl=1 300w, https:\/\/i0.wp.com\/itayachtscanada.com\/wp-content\/uploads\/2025\/02\/Capture-decran-le-2025-02-09-a-09.06.42.jpg?resize=1024%2C579&amp;ssl=1 1024w, https:\/\/i0.wp.com\/itayachtscanada.com\/wp-content\/uploads\/2025\/02\/Capture-decran-le-2025-02-09-a-09.06.42.jpg?resize=768%2C435&amp;ssl=1 768w, https:\/\/i0.wp.com\/itayachtscanada.com\/wp-content\/uploads\/2025\/02\/Capture-decran-le-2025-02-09-a-09.06.42.jpg?resize=1536%2C869&amp;ssl=1 1536w, https:\/\/i0.wp.com\/itayachtscanada.com\/wp-content\/uploads\/2025\/02\/Capture-decran-le-2025-02-09-a-09.06.42.jpg?resize=700%2C396&amp;ssl=1 700w, https:\/\/i0.wp.com\/itayachtscanada.com\/wp-content\/uploads\/2025\/02\/Capture-decran-le-2025-02-09-a-09.06.42.jpg?resize=707%2C400&amp;ssl=1 707w, https:\/\/i0.wp.com\/itayachtscanada.com\/wp-content\/uploads\/2025\/02\/Capture-decran-le-2025-02-09-a-09.06.42.jpg?w=1400&amp;ssl=1 1400w\" width=\"186\" height=\"105\" loading=\"lazy\" data-original-width=\"186\" data-original-height=\"105\" itemprop=\"http:\/\/schema.org\/image\" title=\"Capture d\u2019e\u0301cran, le 2025-02-09 a\u0300 09.06.42\" alt=\"Capture d\u2019e\u0301cran, le 2025-02-09 a\u0300 09.06.42\" style=\"width: 186px; height: 105px;\" \/> <\/a> <\/div> <\/div> <!-- close group --> <div class=\"gallery-group images-1\" style=\"width: 187px; height: 109px;\" data-original-width=\"187\" data-original-height=\"109\" > <div class=\"tiled-gallery-item tiled-gallery-item-small\" itemprop=\"associatedMedia\" itemscope itemtype=\"http:\/\/schema.org\/ImageObject\"> <a href=\"https:\/\/itayachtscanada.com\/fr\/listing\/maritimo-m60-2024-3399000-usd-for-sale\/capture-decran-le-2025-02-09-a-09-06-24\/\" border=\"0\" itemprop=\"url\"> <meta itemprop=\"width\" content=\"183\"> <meta itemprop=\"height\" content=\"105\"> <img decoding=\"async\" class=\"\" data-attachment-id=\"204194\" data-orig-file=\"https:\/\/itayachtscanada.com\/wp-content\/uploads\/2025\/02\/Capture-decran-le-2025-02-09-a-09.06.24.jpg\" data-orig-size=\"1698,974\" data-comments-opened=\"1\" data-image-meta=\"{&quot;aperture&quot;:&quot;0&quot;,&quot;credit&quot;:&quot;&quot;,&quot;camera&quot;:&quot;&quot;,&quot;caption&quot;:&quot;&quot;,&quot;created_timestamp&quot;:&quot;0&quot;,&quot;copyright&quot;:&quot;&quot;,&quot;focal_length&quot;:&quot;0&quot;,&quot;iso&quot;:&quot;0&quot;,&quot;shutter_speed&quot;:&quot;0&quot;,&quot;title&quot;:&quot;&quot;,&quot;orientation&quot;:&quot;0&quot;}\" data-image-title=\"Capture d\u2019e\u0301cran, le 2025-02-09 a\u0300 09.06.24\" data-image-description=\"\" data-medium-file=\"https:\/\/i0.wp.com\/itayachtscanada.com\/wp-content\/uploads\/2025\/02\/Capture-decran-le-2025-02-09-a-09.06.24.jpg?fit=300%2C172&#038;ssl=1\" data-large-file=\"https:\/\/i0.wp.com\/itayachtscanada.com\/wp-content\/uploads\/2025\/02\/Capture-decran-le-2025-02-09-a-09.06.24.jpg?fit=700%2C401&#038;ssl=1\" src=\"https:\/\/i0.wp.com\/itayachtscanada.com\/wp-content\/uploads\/2025\/02\/Capture-decran-le-2025-02-09-a-09.06.24.jpg?w=183&#038;h=105&#038;ssl=1\" srcset=\"https:\/\/i0.wp.com\/itayachtscanada.com\/wp-content\/uploads\/2025\/02\/Capture-decran-le-2025-02-09-a-09.06.24.jpg?w=1698&amp;ssl=1 1698w, https:\/\/i0.wp.com\/itayachtscanada.com\/wp-content\/uploads\/2025\/02\/Capture-decran-le-2025-02-09-a-09.06.24.jpg?resize=300%2C172&amp;ssl=1 300w, https:\/\/i0.wp.com\/itayachtscanada.com\/wp-content\/uploads\/2025\/02\/Capture-decran-le-2025-02-09-a-09.06.24.jpg?resize=1024%2C587&amp;ssl=1 1024w, https:\/\/i0.wp.com\/itayachtscanada.com\/wp-content\/uploads\/2025\/02\/Capture-decran-le-2025-02-09-a-09.06.24.jpg?resize=768%2C441&amp;ssl=1 768w, https:\/\/i0.wp.com\/itayachtscanada.com\/wp-content\/uploads\/2025\/02\/Capture-decran-le-2025-02-09-a-09.06.24.jpg?resize=1536%2C881&amp;ssl=1 1536w, https:\/\/i0.wp.com\/itayachtscanada.com\/wp-content\/uploads\/2025\/02\/Capture-decran-le-2025-02-09-a-09.06.24.jpg?resize=700%2C402&amp;ssl=1 700w, https:\/\/i0.wp.com\/itayachtscanada.com\/wp-content\/uploads\/2025\/02\/Capture-decran-le-2025-02-09-a-09.06.24.jpg?resize=697%2C400&amp;ssl=1 697w, https:\/\/i0.wp.com\/itayachtscanada.com\/wp-content\/uploads\/2025\/02\/Capture-decran-le-2025-02-09-a-09.06.24.jpg?w=1400&amp;ssl=1 1400w\" width=\"183\" height=\"105\" loading=\"lazy\" data-original-width=\"183\" data-original-height=\"105\" itemprop=\"http:\/\/schema.org\/image\" title=\"Capture d\u2019e\u0301cran, le 2025-02-09 a\u0300 09.06.24\" alt=\"Capture d\u2019e\u0301cran, le 2025-02-09 a\u0300 09.06.24\" style=\"width: 183px; height: 105px;\" \/> <\/a> <\/div> <\/div> <!-- close group --> <div class=\"gallery-group images-1\" style=\"width: 162px; height: 109px;\" data-original-width=\"162\" data-original-height=\"109\" > <div class=\"tiled-gallery-item tiled-gallery-item-small\" itemprop=\"associatedMedia\" itemscope itemtype=\"http:\/\/schema.org\/ImageObject\"> <a href=\"https:\/\/itayachtscanada.com\/fr\/listing\/maritimo-m60-2024-3399000-usd-for-sale\/capture-decran-le-2025-02-09-a-09-06-20\/\" border=\"0\" itemprop=\"url\"> <meta itemprop=\"width\" content=\"158\"> <meta itemprop=\"height\" content=\"105\"> <img decoding=\"async\" class=\"\" data-attachment-id=\"204195\" data-orig-file=\"https:\/\/itayachtscanada.com\/wp-content\/uploads\/2025\/02\/Capture-decran-le-2025-02-09-a-09.06.20.jpg\" data-orig-size=\"1256,838\" data-comments-opened=\"1\" data-image-meta=\"{&quot;aperture&quot;:&quot;0&quot;,&quot;credit&quot;:&quot;&quot;,&quot;camera&quot;:&quot;&quot;,&quot;caption&quot;:&quot;&quot;,&quot;created_timestamp&quot;:&quot;0&quot;,&quot;copyright&quot;:&quot;&quot;,&quot;focal_length&quot;:&quot;0&quot;,&quot;iso&quot;:&quot;0&quot;,&quot;shutter_speed&quot;:&quot;0&quot;,&quot;title&quot;:&quot;&quot;,&quot;orientation&quot;:&quot;0&quot;}\" data-image-title=\"Capture d\u2019e\u0301cran, le 2025-02-09 a\u0300 09.06.20\" data-image-description=\"\" data-medium-file=\"https:\/\/i0.wp.com\/itayachtscanada.com\/wp-content\/uploads\/2025\/02\/Capture-decran-le-2025-02-09-a-09.06.20.jpg?fit=300%2C200&#038;ssl=1\" data-large-file=\"https:\/\/i0.wp.com\/itayachtscanada.com\/wp-content\/uploads\/2025\/02\/Capture-decran-le-2025-02-09-a-09.06.20.jpg?fit=700%2C467&#038;ssl=1\" src=\"https:\/\/i0.wp.com\/itayachtscanada.com\/wp-content\/uploads\/2025\/02\/Capture-decran-le-2025-02-09-a-09.06.20.jpg?w=158&#038;h=105&#038;ssl=1\" srcset=\"https:\/\/i0.wp.com\/itayachtscanada.com\/wp-content\/uploads\/2025\/02\/Capture-decran-le-2025-02-09-a-09.06.20.jpg?w=1256&amp;ssl=1 1256w, https:\/\/i0.wp.com\/itayachtscanada.com\/wp-content\/uploads\/2025\/02\/Capture-decran-le-2025-02-09-a-09.06.20.jpg?resize=300%2C200&amp;ssl=1 300w, https:\/\/i0.wp.com\/itayachtscanada.com\/wp-content\/uploads\/2025\/02\/Capture-decran-le-2025-02-09-a-09.06.20.jpg?resize=1024%2C683&amp;ssl=1 1024w, https:\/\/i0.wp.com\/itayachtscanada.com\/wp-content\/uploads\/2025\/02\/Capture-decran-le-2025-02-09-a-09.06.20.jpg?resize=768%2C512&amp;ssl=1 768w, https:\/\/i0.wp.com\/itayachtscanada.com\/wp-content\/uploads\/2025\/02\/Capture-decran-le-2025-02-09-a-09.06.20.jpg?resize=700%2C467&amp;ssl=1 700w, https:\/\/i0.wp.com\/itayachtscanada.com\/wp-content\/uploads\/2025\/02\/Capture-decran-le-2025-02-09-a-09.06.20.jpg?resize=900%2C600&amp;ssl=1 900w, https:\/\/i0.wp.com\/itayachtscanada.com\/wp-content\/uploads\/2025\/02\/Capture-decran-le-2025-02-09-a-09.06.20.jpg?resize=600%2C400&amp;ssl=1 600w\" width=\"158\" height=\"105\" loading=\"lazy\" data-original-width=\"158\" data-original-height=\"105\" itemprop=\"http:\/\/schema.org\/image\" title=\"Capture d\u2019e\u0301cran, le 2025-02-09 a\u0300 09.06.20\" alt=\"Capture d\u2019e\u0301cran, le 2025-02-09 a\u0300 09.06.20\" style=\"width: 158px; height: 105px;\" \/> <\/a> <\/div> <\/div> <!-- close group --> <div class=\"gallery-group images-1\" style=\"width: 161px; height: 109px;\" data-original-width=\"161\" data-original-height=\"109\" > <div class=\"tiled-gallery-item tiled-gallery-item-small\" itemprop=\"associatedMedia\" itemscope itemtype=\"http:\/\/schema.org\/ImageObject\"> <a href=\"https:\/\/itayachtscanada.com\/fr\/listing\/maritimo-m60-2024-3399000-usd-for-sale\/capture-decran-le-2025-02-09-a-09-06-13\/\" border=\"0\" itemprop=\"url\"> <meta itemprop=\"width\" content=\"157\"> <meta itemprop=\"height\" content=\"105\"> <img decoding=\"async\" class=\"\" data-attachment-id=\"204196\" data-orig-file=\"https:\/\/itayachtscanada.com\/wp-content\/uploads\/2025\/02\/Capture-decran-le-2025-02-09-a-09.06.13.jpg\" data-orig-size=\"1256,838\" data-comments-opened=\"1\" data-image-meta=\"{&quot;aperture&quot;:&quot;0&quot;,&quot;credit&quot;:&quot;&quot;,&quot;camera&quot;:&quot;&quot;,&quot;caption&quot;:&quot;&quot;,&quot;created_timestamp&quot;:&quot;0&quot;,&quot;copyright&quot;:&quot;&quot;,&quot;focal_length&quot;:&quot;0&quot;,&quot;iso&quot;:&quot;0&quot;,&quot;shutter_speed&quot;:&quot;0&quot;,&quot;title&quot;:&quot;&quot;,&quot;orientation&quot;:&quot;0&quot;}\" data-image-title=\"Capture d\u2019e\u0301cran, le 2025-02-09 a\u0300 09.06.13\" data-image-description=\"\" data-medium-file=\"https:\/\/i0.wp.com\/itayachtscanada.com\/wp-content\/uploads\/2025\/02\/Capture-decran-le-2025-02-09-a-09.06.13.jpg?fit=300%2C200&#038;ssl=1\" data-large-file=\"https:\/\/i0.wp.com\/itayachtscanada.com\/wp-content\/uploads\/2025\/02\/Capture-decran-le-2025-02-09-a-09.06.13.jpg?fit=700%2C467&#038;ssl=1\" src=\"https:\/\/i0.wp.com\/itayachtscanada.com\/wp-content\/uploads\/2025\/02\/Capture-decran-le-2025-02-09-a-09.06.13.jpg?w=157&#038;h=105&#038;ssl=1\" srcset=\"https:\/\/i0.wp.com\/itayachtscanada.com\/wp-content\/uploads\/2025\/02\/Capture-decran-le-2025-02-09-a-09.06.13.jpg?w=1256&amp;ssl=1 1256w, https:\/\/i0.wp.com\/itayachtscanada.com\/wp-content\/uploads\/2025\/02\/Capture-decran-le-2025-02-09-a-09.06.13.jpg?resize=300%2C200&amp;ssl=1 300w, https:\/\/i0.wp.com\/itayachtscanada.com\/wp-content\/uploads\/2025\/02\/Capture-decran-le-2025-02-09-a-09.06.13.jpg?resize=1024%2C683&amp;ssl=1 1024w, https:\/\/i0.wp.com\/itayachtscanada.com\/wp-content\/uploads\/2025\/02\/Capture-decran-le-2025-02-09-a-09.06.13.jpg?resize=768%2C512&amp;ssl=1 768w, https:\/\/i0.wp.com\/itayachtscanada.com\/wp-content\/uploads\/2025\/02\/Capture-decran-le-2025-02-09-a-09.06.13.jpg?resize=700%2C467&amp;ssl=1 700w, https:\/\/i0.wp.com\/itayachtscanada.com\/wp-content\/uploads\/2025\/02\/Capture-decran-le-2025-02-09-a-09.06.13.jpg?resize=900%2C600&amp;ssl=1 900w, https:\/\/i0.wp.com\/itayachtscanada.com\/wp-content\/uploads\/2025\/02\/Capture-decran-le-2025-02-09-a-09.06.13.jpg?resize=600%2C400&amp;ssl=1 600w\" width=\"157\" height=\"105\" loading=\"lazy\" data-original-width=\"157\" data-original-height=\"105\" itemprop=\"http:\/\/schema.org\/image\" title=\"Capture d\u2019e\u0301cran, le 2025-02-09 a\u0300 09.06.13\" alt=\"Capture d\u2019e\u0301cran, le 2025-02-09 a\u0300 09.06.13\" style=\"width: 157px; height: 105px;\" \/> <\/a> <\/div> <\/div> <!-- close group --> <\/div> <!-- close row --> <\/div>\n<div class=\"jetpack-video-wrapper\"><span class=\"embed-youtube\" style=\"text-align:center; display: block;\"><iframe loading=\"lazy\" class=\"youtube-player\" width=\"700\" height=\"394\" src=\"https:\/\/www.youtube.com\/embed\/QEAgxY9Fvm0?version=3&#038;rel=1&#038;showsearch=0&#038;showinfo=1&#038;iv_load_policy=1&#038;fs=1&#038;hl=fr-FR&#038;autohide=2&#038;wmode=transparent\" allowfullscreen=\"true\" style=\"border:0;\" sandbox=\"allow-scripts allow-same-origin allow-popups allow-presentation allow-popups-to-escape-sandbox\"><\/iframe><\/span><\/div>\n<div class=\"jetpack-video-wrapper\"><span class=\"embed-youtube\" style=\"text-align:center; display: block;\"><iframe loading=\"lazy\" class=\"youtube-player\" width=\"700\" height=\"394\" src=\"https:\/\/www.youtube.com\/embed\/0iaOR35bDMY?version=3&#038;rel=1&#038;showsearch=0&#038;showinfo=1&#038;iv_load_policy=1&#038;fs=1&#038;hl=fr-FR&#038;autohide=2&#038;wmode=transparent\" allowfullscreen=\"true\" style=\"border:0;\" sandbox=\"allow-scripts allow-same-origin allow-popups allow-presentation allow-popups-to-escape-sandbox\"><\/iframe><\/span><\/div>\n<div class=\"jetpack-video-wrapper\"><span class=\"embed-youtube\" style=\"text-align:center; display: block;\"><iframe loading=\"lazy\" class=\"youtube-player\" width=\"700\" height=\"394\" src=\"https:\/\/www.youtube.com\/embed\/sAQSNE6T3Vo?version=3&#038;rel=1&#038;showsearch=0&#038;showinfo=1&#038;iv_load_policy=1&#038;fs=1&#038;hl=fr-FR&#038;autohide=2&#038;wmode=transparent\" allowfullscreen=\"true\" style=\"border:0;\" sandbox=\"allow-scripts allow-same-origin allow-popups allow-presentation allow-popups-to-escape-sandbox\"><\/iframe><\/span><\/div>\n<p><strong>\u00a0<\/strong><\/p>\n<p>&nbsp;<\/p>\n<p><strong>Ita Yachts Canada propose de vous assister et de voir \u00e0 vos int\u00e9r\u00eats pour l\u2019achat de ce yacht qui est \u00e0 vendre par une autre organisation. Nous serons pr\u00e9sents lors de l\u2019inspection et tout au long de la transaction et ce peu importe sa localisation. L\u2019\u00e9quipe d\u2019Ita Yachts Canada se soumet au plus haut standard d\u2019\u00e9thique.<\/strong><\/p>\n<p>Extras non standard<\/p>\n<p>Mise \u00e0 niveau des moteurs en Volvo D13 &#8211; 1 000 MHP<br \/>\nInstallation de deux filtres \u00e0 carburant Racor 1000 sur les moteurs principaux<br \/>\nStabilisateur Quick MC2-30K GYRO<br \/>\nRemplacement des propulseurs d&rsquo;\u00e9trave et d&rsquo;\u00e9trave standard par des propulseurs \u00e9lectriques SidePower Slelpner Evislon E210 \u00e0 l&rsquo;avant et \u00e0 l&rsquo;arri\u00e8re, y compris le remplacement de toutes les batteries par des batteries AGM Full River x 8- NET.<br \/>\nTunnels \u00e0 faible tirant d&rsquo;eau et \u00e0 haute performance (plat sur le dessus des tunnels)<br \/>\nGarmin Triple \u00e9cran de 17 \u00bb, ensemble de fronts abaiss\u00e9s sur mesure<br \/>\nLa radio VHF 3151, qui fait partie de l&rsquo;ensemble de base Garmin, est install\u00e9e dans le cockpit, \u00e0 b\u00e2bord.<br \/>\nSonar Garmin \u00e0 balayage avant<br \/>\nAIS avec antenne GA38<br \/>\nRadar Fantom 126 (Open Array)<br \/>\nGarmin GC. Cam\u00e9ra 200IP x 3 dans la salle des machines, le cockpit et le flybridge arri\u00e8re<br \/>\nVHF Icom M605 \u00e0 la barre en plus de la VHF standard Garmin \u00e0 bo\u00eete noire, install\u00e9e \u00e0 la barre \u00e0 tribord<br \/>\nInstallation d&rsquo;antennes 8&prime; phase 3 avec c\u00e2ble Rg8 et soudure argent PL259 (2 x 8&prime; et 1 x 4&prime;)<br \/>\nRemplacement de la cha\u00eene d&rsquo;ancre standard par une cha\u00eene australienne G43 \u00e0 haute r\u00e9sistance et ajout de 15 m\u00e8tres de cha\u00eene suppl\u00e9mentaires (75 m\u00e8tres au total)<br \/>\nFilm pour fen\u00eatre V-Kool sur le pont d&rsquo;envol et le salon<br \/>\nAir tropical dans la cuisine et le salon &#8211; ajout d&rsquo;un climatiseur de 12 000 BTU dans le salon<br \/>\nRemplacement des fauteuils de barre \u00e9lectriques standard par des fauteuils de barre \u00e9lectriques Stidd &#8211; couleur Ultraleather<br \/>\nPr\u00e9-plomberie (avec filtre inclus) et pr\u00e9-c\u00e2blage pour l&rsquo;installation d&rsquo;un dessalinisateur aux \u00c9tats-Unis<br \/>\nRev\u00eatement de sol Karndean dans tout le salon<\/p>\n<p>Remplacement de la moquette standard en laine par une moquette cavali\u00e8re Bremworth Lisbon Venlse (flybridge, escaliers int\u00e9rieurs x 2, descente et cabines)<br \/>\nInstallation d&rsquo;une b\u00e2che de cockpit arri\u00e8re (\u00e0 l&rsquo;arri\u00e8re uniquement) en Panavision Breezeway noir \u00e0 enrouler dans une housse de chaussette (95 \u00bb Breezeway)<br \/>\nRobinet d&rsquo;eau douce dans la cambuse<br \/>\nRobinet d&rsquo;eau douce sur le pont arri\u00e8re du Flybridge Haut-parleurs Krix suppl\u00e9mentaires x 2 dans le cockpit &#8211; Remplacement du BBQ par un gril de luxe plus grand (600 x 325)<br \/>\nRemplacement de la table de cuisson par une table de cuisson \u00e0 induction Miele \u00e0 3 br\u00fbleurs<br \/>\n\u00c9clairage suppl\u00e9mentaire des marches autour des zones de promenade ext\u00e9rieures : 9 de plus de chaque c\u00f4t\u00e9 (18 au total). Positionn\u00e9s sur les c\u00f4t\u00e9s ext\u00e9rieurs des ponts lat\u00e9raux \u00e0 b\u00e2bord et \u00e0 tribord.<br \/>\nVariateurs pour les zones d&rsquo;\u00e9clairage d&rsquo;ambiance (cuisine\/salon, cockpit et flybridge)<br \/>\nVariateurs pour les plafonniers int\u00e9rieurs et ext\u00e9rieurs du flybridge et du cockpit.<br \/>\nPompe d&rsquo;eau douce Headhunter 110v en ligne avec la pompe DC standard<br \/>\nProjecteur \u00e0 distance standard remplac\u00e9 par un ACR 100 LED<br \/>\nCabine VIP\/avant &#8211; Ajout d&rsquo;un GPO sous le lit de la cabine avant<br \/>\nCabine VIP\/avant &#8211; Ajout de tiroirs sous le lit<br \/>\nTable de balcon du flybridge &#8211; grande table fixe sur deux pieds et housse (1720 mm x 635 mm)<br \/>\nTable de cockpit &#8211; grande table fixe sur pied et housse (1720mm x 635mm)<br \/>\nLes deux tables du pont arri\u00e8re &#8211; Finition brillante du Flybridge 1\/4 de panneau et barres d&rsquo;appui<br \/>\n\u00c9clairage sous-marin suppl\u00e9mentaire bleu x 2 &#8211; c\u00f4t\u00e9 arri\u00e8re de la coque \u00e0 b\u00e2bord et \u00e0 tribord<br \/>\nInstallation de rails lat\u00e9raux rabattables \u00e0 b\u00e2bord et \u00e0 tribord.<br \/>\nAjout d&rsquo;un m\u00e2t de pavillon au centre du rail de proue, 400 mm vers le haut.<br \/>\nSalle de bain de la cabine principale &#8211; matelas sur mesure<\/p>\n<p>Cabine principale &#8211; installer des couvercles amovibles sur les c\u00f4t\u00e9s b\u00e2bord et tribord dans le haut des tiroirs de la cabine principale pour acc\u00e9der au rangement dans la partie AFT.<br \/>\n\u00c9clairage suppl\u00e9mentaire x 2 dans la salle des machines<br \/>\n\u00c9clairage suppl\u00e9mentaire x 2 dans la cambuse<br \/>\nInstallation de la douche de pont encastr\u00e9e Adriana et de la barre t\u00e9lescopique de la douche Rocky<br \/>\nPr\u00e9-c\u00e2blage pour une future installation KVH si d\u00e9sir\u00e9<\/p>\n<p>&nbsp;<\/p>\n<p>Ajouts am\u00e9ricains<br \/>\nSpot Zero SeaXchange + Spot Zero WaterPurifier<br \/>\nJeu d&rsquo;h\u00e9lices de rechange<br \/>\nRev\u00eatement c\u00e9ramique complet (coque, pont et superstructure)<br \/>\nEmtrac AIS avec antenne d\u00e9di\u00e9e phase 111<br \/>\nCam\u00e9ra de vision nocturne Sionyx Nighthawk<br \/>\nCha\u00eene st\u00e9r\u00e9o Sky Lounge<br \/>\nKit de priorit\u00e9 mobile Starlink pr\u00e9-c\u00e2bl\u00e9 et pr\u00eat \u00e0 recevoir<br \/>\nKahlenberg T-2 air horns c\/w compressor. R\u00e9servoir et contr\u00f4leur<br \/>\nBo\u00eete de rangement pour l&rsquo;huile, le filtre et les outils du moteur Maritime<br \/>\nCanap\u00e9 en cuir assorti et coussin Maritime<br \/>\nCales de tender fabriqu\u00e9es sur mesure en aluminium et rev\u00eatues de poudre, rail de la salle des machines, supports de montage pour le spot z\u00e9ro et les membranes.<br \/>\nPompe \u00e0 eau Headhunter AC avec r\u00e9servoir \u00e0 vessie et sortie d&rsquo;eau spot zero \u00e0 l&rsquo;avant pour le lavage \u00e0 l&rsquo;eau douce du bateau<br \/>\nPeinture de fond fra\u00eeche, Prop Speed, et anodes (11\/24)<\/p>\n<p>&nbsp;<\/p>\n<p>Climatisation<br \/>\nClimatisation du flybridge : 2 x 16 000 BTU<br \/>\nClimatisation du salon : 2 x 12 000 BTU<br \/>\nClimatisation de la cabine principale : 1 x 12 000 BTU<br \/>\nClimatisation de la cabine avant, s\u00e9par\u00e9e de la cabine tribord : 1 x 12 000 BTU<br \/>\nClimatisation des salles de bains<br \/>\nClimatisation &#8211; d\u00e9sembuage du pare-brise<br \/>\nTechnologie de la coque<br \/>\nPont et timonerie &#8211; fibre de verre<\/p>\n<p>Flybridge &#8211; fibre de verre<br \/>\nR\u00e9servoirs de carburant &#8211; GRP int\u00e9gral<br \/>\nRev\u00eatement de coque structurel enti\u00e8rement int\u00e9gr\u00e9 avec proc\u00e9d\u00e9 de collage brevet\u00e9 (GRP)<br \/>\nCoque &#8211; fibre de verre solide<br \/>\nAnti-salissure de la coque (non couvert par la garantie structurelle de 5 ans)<br \/>\nCloisons principales &#8211; fibre de verre autoportante avec \u00e2me<br \/>\nCoque en V profond \u00e0 \u00e9l\u00e9vation variable avec rails de pulv\u00e9risation moul\u00e9s<br \/>\nCloisons d&rsquo;abordage \u00e9tanches<\/p>\n<p>&nbsp;<\/p>\n<p>Ing\u00e9nierie<br \/>\nIsolation acoustique<br \/>\nRobinets \u00e0 boisseau sph\u00e9rique et raccords en acier inoxydable 316 sous la ligne de flottaison<br \/>\nPompes de cale automatiques (6 x 1100 GPH)<br \/>\nCommandes \u00e9lectroniques \u00e0 levier unique, \u00e0 un seul poste<br \/>\nSupports de moteur moul\u00e9s en fibre de verre solide<br \/>\nEl\u00e9vateurs d&rsquo;\u00e9chappement et silencieux Aqualift, s\u00e9parateur d&rsquo;eau sur le g\u00e9n\u00e9rateur avec sortie lat\u00e9rale<br \/>\nInstruments du moteur \u00e9lectroniques, \u00e0 un seul poste<br \/>\nFiltres lavables pour l&rsquo;admission d&rsquo;air dans la salle des machines<br \/>\nSyst\u00e8me d&rsquo;incendie de la salle des machines automatique\/manuel<br \/>\n\u00c9clairage de la salle des machines sur onduleur<br \/>\nCr\u00e9pines externes et internes sur les prises d&rsquo;eau<br \/>\nSupports de moteur flexibles<br \/>\nChauffe-eau (AC uniquement) ? r\u00e9cup\u00e9ration rapide<br \/>\nPompe d&rsquo;eau douce install\u00e9e dans la cambuse avec r\u00e9servoir d&rsquo;accumulation<br \/>\nR\u00e9servoir d&rsquo;eau douce et filtre \u00e0 eau s\u00e9par\u00e9 pour la cuisine<br \/>\nRobinet d&rsquo;eau douce dans la salle des machines<br \/>\nFiltres \u00e0 carburant Filtre Racor 1000 (1 pour chaque moteur principal) ; g\u00e9n\u00e9rateur \u00e9quip\u00e9 d&rsquo;un filtre Racor 500<br \/>\nConduites de carburant en caoutchouc approuv\u00e9, tous les raccords sertis<br \/>\nR\u00e9servoirs de carburant (GRP) avec jauge de contr\u00f4le<br \/>\nPlancher King Starboard entre les moteurs<br \/>\nVentilation de la cambuse<br \/>\nDirection assist\u00e9e Syst\u00e8me Tillier avec goupilles de verrouillage d&rsquo;urgence<br \/>\nH\u00e9lices 5 pales Nibral usin\u00e9es par ordinateur<\/p>\n<p>Gouvernails et jambes de force en bronze<br \/>\nJoints d&rsquo;arbre sans \u00e9gouttement, avec joints de rechange<br \/>\nArbres en acier inoxydable duplex de 2<br \/>\nD\u00e9tecteurs de fum\u00e9e (x5) cabines principale et avant, cabine tribord, salon et flybridge<br \/>\nPropulseurs d&rsquo;\u00e9trave et de poupe, avec t\u00e9l\u00e9commande manuelle<br \/>\nR\u00e9servoir de r\u00e9tention des toilettes<br \/>\nTrim tabs hydrauliques<\/p>\n<p>&nbsp;<\/p>\n<p>\u00c9lectricit\u00e9<br \/>\nBatteries Maison : 4 x 200 Ah pour la maison<br \/>\nBatteries de d\u00e9marrage : 2 x b\u00e2bord, 2 x tribord (900 CCA)<br \/>\nChargement des batteries : Chargeur \u00e0 onduleur 4 kW &#8211; chargeur 100 amp\u00e8res<br \/>\nCommutation des batteries : des batteries moteur d\u00e9di\u00e9es isolent chaque moteur ; des interrupteurs de mise en parall\u00e8le relient les syst\u00e8mes de d\u00e9marrage et de charge.<br \/>\nSyst\u00e8me de liaison : 1 x grande anode, fil de liaison \u00e9tam\u00e9 aux raccords de peau, et liaison lourde entre les moteurs principaux et le g\u00e9n\u00e9rateur.<br \/>\nMise \u00e0 la terre : RCD install\u00e9 sur tous les sous-circuits ; dispositif d&rsquo;avertissement de polarit\u00e9 sur le courant de quai et les prises de courant (cuisine, cabine principale, cabine avant, flybridge et bar humide).<br \/>\nTableaux \u00e9lectriques : Panneaux CC d\u00e9di\u00e9s pour le pont des emm\u00e9nagements et le flybridge ; panneaux CA \u00e0 r\u00e9partition de charge<br \/>\nC\u00e2blage \u00e9lectrique : C\u00e2blage \u00e9tam\u00e9 le cas \u00e9ch\u00e9ant, cod\u00e9 et \u00e9tiquet\u00e9<br \/>\nJauge de carburant : Situ\u00e9e sur le tableau \u00e9lectrique<br \/>\nG\u00e9n\u00e9rateur : G\u00e9n\u00e9rateur Cummins Onan \u00e9quip\u00e9 d&rsquo;un \u00e9cran acoustique et d&rsquo;un alternateur de charge de 24 volts avec s\u00e9parateur d&rsquo;eau \u00e0 l&rsquo;\u00e9chappement.<br \/>\nOnduleur : alimente plusieurs prises de courant, le r\u00e9frig\u00e9rateur, les t\u00e9l\u00e9viseurs et les cha\u00eenes st\u00e9r\u00e9o.<br \/>\nFeux de navigation<br \/>\nSyst\u00e8me d&rsquo;extinction d&rsquo;incendie autonome install\u00e9 sur le tableau \u00e9lectrique<br \/>\nEnsemble de sol\u00e9no\u00efdes : Pour le pilote automatique<\/p>\n<p>Prise CA\/chargeur USB Vimar : install\u00e9e dans les cabines avant et principale (x2), la cabine tribord (x1), le poste de pilotage (x1), la cuisine (x1) et le salon (x1).<br \/>\nJauge d&rsquo;eau : Situ\u00e9e sur le tableau \u00e9lectrique<\/p>\n<p>&nbsp;<\/p>\n<p>Pont principal<br \/>\nVoir les options non standard pour plus d&rsquo;informations sur l&rsquo;ancre UPGRADED. Rouleau d&rsquo;\u00e9trave robuste et syst\u00e8me d&rsquo;auto-chargement.<br \/>\nOccultation : Meneaux sup\u00e9rieurs et inf\u00e9rieurs de la fen\u00eatre avant<br \/>\nCoffre de rangement \u00e0 l&rsquo;avant : avec robinet d&rsquo;eau douce<br \/>\nKlaxon \u00e9lectrique<br \/>\nFinition : Ponts lat\u00e9raux avant, cabine du coffre et toit de la cabine en PRV antid\u00e9rapant<br \/>\nRemplissage de carburant : Situ\u00e9 \u00e0 b\u00e2bord et \u00e0 tribord<br \/>\nTrappes (x3) : Trappes d&rsquo;\u00e9vacuation, avec volets roulants<br \/>\nRails : Rails d&rsquo;\u00e9trave et d&rsquo;appui en acier inoxydable<br \/>\nTaquets : Taquets en acier inoxydable \u00e0 l&rsquo;avant, au printemps et \u00e0 l&rsquo;arri\u00e8re (10 au total)<br \/>\nPompe d&rsquo;ass\u00e8chement : Situ\u00e9 dans l&rsquo;hiloire du cockpit<br \/>\nBande de frottement en PVC blanc \u00e0 fort impact : Avec insert en acier inoxydable<br \/>\nTreuil : Muir Jaguar, treuil horizontal r\u00e9versible de 24 volts avec commandes sur le pont avant et le flybridge<\/p>\n<p>&nbsp;<\/p>\n<p>Pont sup\u00e9rieur<br \/>\nAcc\u00e8s : Escalier interne depuis le salon<br \/>\nTaud : Taud noir sur le toit rigide arri\u00e8re du flybridge<br \/>\n\u00c9vier de bar : \u00c9vier de bar externe avec placard de rangement en dessous<br \/>\nPanneaux de pont (x4) : Deux panneaux int\u00e9rieurs avant avec stores et deux panneaux ext\u00e9rieurs<br \/>\nPorte-boissons : Deux sur la console<br \/>\nUnit\u00e9 de divertissement<br \/>\nPlancher int\u00e9rieur : Moquette en laine \/Voir am\u00e9lioration dans les Extras non standard<br \/>\nRev\u00eatement de sol ext\u00e9rieur : Antid\u00e9rapant GRP<\/p>\n<p>Salon avant : Salon de croisi\u00e8re de style contemporain \/ Voir surclassement pour les suppl\u00e9ments non standard<br \/>\nSalon \u00e0 l&rsquo;arri\u00e8re : Salon de divertissement en L de style contemporain<br \/>\nCloison arri\u00e8re : Portes pliantes menant au pont sky lounge<br \/>\nSi\u00e8ges de barre (x2) : R\u00e9glage \u00e9lectrique haut\/bas et avant\/arri\u00e8re<br \/>\nPoste de pilotage : Enti\u00e8rement \u00e9quip\u00e9 avec direction, commandes moteur, instrumentation moteur, commande des propulseurs d&rsquo;\u00e9trave et de poupe, commandes des compensateurs, commandes de mont\u00e9e\/descente du treuil, compas, et 1 x projecteur de navigation.<br \/>\n\u00c9clairage LED : Install\u00e9 sur tout le flybridge<br \/>\nCompteur de cha\u00eene Muir : Afficheur de lecture inclus<br \/>\nRail arri\u00e8re du flybridge : acier inoxydable avec rail moul\u00e9 en polyester arm\u00e9 de fibre de verre et couvercles de remplissage.<br \/>\nProjecteur de recherche : Avec t\u00e9l\u00e9commande<br \/>\nEssuie-glaces et lave-glaces (x3) : Avec commande d&rsquo;essuie-glace intermittent<\/p>\n<p>&nbsp;<\/p>\n<p>Cuisine<br \/>\nPortes coulissantes en verre \u00e0 cadre en alliage vers le cockpit\/am\u00e9lior\u00e9es en bi-pliantes<br \/>\nBanquettes &#8211; surface solide<br \/>\nLave-vaisselle &#8211; tiroir \u00e0 vaisselle sous la table de cuisson<br \/>\nTiroirs pour assiettes, couverts, casseroles, etc.<br \/>\nRev\u00eatement de sol &#8211; Karndean<br \/>\nBanquette \u00eelot dans la cuisine avec plan de travail en stratifi\u00e9 et placards en dessous<br \/>\nEclairage LED dans la cuisine<br \/>\nMicro-ondes &#8211; convection standard<br \/>\nGarde-manger &#8211; coulissant<br \/>\nHotte de cuisine<br \/>\nR\u00e9frig\u00e9rateur\/cong\u00e9lateur &#8211; 2 portes (AC)<br \/>\nR\u00e9cipient \u00e0 ordures<br \/>\n\u00c9vier en acier inoxydable avec robinetterie et placard en dessous<\/p>\n<p>&nbsp;<\/p>\n<p>Salon<br \/>\nPanneau de contr\u00f4le AC et DC<br \/>\nStores &#8211; Stores Shangri La Silhouette aux fen\u00eatres lat\u00e9rales et aux portes arri\u00e8re<br \/>\nTable de dinette &#8211; table pliante sur pi\u00e9destal \u00e0 b\u00e2bord<br \/>\nRev\u00eatement de sol &#8211; moquette en laine {Action Back &#8211; Stone)\/Voir le surclassement en Lisbon Cavalier<\/p>\n<p>Escalier int\u00e9rieur menant au flybridge avec rangement et machine \u00e0 gla\u00e7ons<br \/>\nSalon &#8211; en U, rev\u00eatement en cuir, tribord<br \/>\nSalon &#8211; en L, sellerie cuir, b\u00e2bord\/Voir dossier de si\u00e8ge arri\u00e8re am\u00e9lior\u00e9<br \/>\nSalons de style contemporain<br \/>\nLuminaires LED dans le salon<br \/>\nFen\u00eatres : verre fixe teint\u00e9 et tremp\u00e9<\/p>\n<p>&nbsp;<\/p>\n<p>Cabine principale<br \/>\nLit &#8211; lit \u00eelot king size avec matelas \u00e0 ressorts<br \/>\nT\u00eate de lit &#8211; rembourr\u00e9e<br \/>\nTiroirs BedS&rsquo;ide<br \/>\nStores &#8211; stores \u00e0 rouleaux Shangri La Silhouette aux fen\u00eatres de b\u00e2bord et de tribord<br \/>\nSalon de jour en cuir de style contemporain<br \/>\nTiroirs &#8211; b\u00e2bord et tribord<br \/>\nRev\u00eatement de sol &#8211; moquette en laine (Action Back &#8211; Stone)<br \/>\nPlancher de la salle de bain &#8211; Karndean (base de douche GRP)<br \/>\nCapitaine pleine largeur<br \/>\nPenderie &#8211; penderie pleine hauteur \u00e0 l&rsquo;entr\u00e9e (doubl\u00e9e de c\u00e8dre)<br \/>\nPenderie &#8211; penderie \u00e0 mi-hauteur (doubl\u00e9e de c\u00e8dre)<br \/>\nLuminaires LED<br \/>\nSalle de bain du capitaine &#8211; toilettes avec chasse d&rsquo;eau, douche avec pompe automatique, pare-douche en verre sans cadre, hublot ouvrant avec couvercle, meuble-lavabo avec miroir, banquette \u00e0 surface solide, porte-serviettes, crochets pour peignoir et \u00e9clairage \u00e0 DEL.<br \/>\nMiroir &#8211; pleine hauteur<br \/>\nFen\u00eatres de coque panoramiques avec feux de b\u00e2bord ouvrants<\/p>\n<p>&nbsp;<\/p>\n<p>Cabine avant<br \/>\nLit &#8211; queen size, lit en \u00eelot d\u00e9cal\u00e9 avec matelas \u00e0 ressorts et rangement relevable<br \/>\nT\u00eate de lit &#8211; rembourr\u00e9e<br \/>\nTables de chevet<br \/>\nPanneau de pont avec store<br \/>\nRev\u00eatement de sol &#8211; moquette en laine {Action Back &#8211; Stone)<br \/>\nPlancher de la salle de bain &#8211; Karndean (base de douche GRP)<br \/>\nVestiaire &#8211; coffre pleine hauteur sur le c\u00f4t\u00e9 tribord<\/p>\n<p>Salle de bain invit\u00e9s &#8211; partag\u00e9e avec la descente &#8211; toilette avec chasse d&rsquo;eau, douche avec pompe automatique, pare-douche en verre sans cadre, meuble-lavabo avec miroir, \u00e9clairage LED, banquette en dur, panneau de pont avec store, porte-serviettes et crochets pour peignoirs.<br \/>\nLuminaires LED<br \/>\nMiroir &#8211; pleine hauteur<\/p>\n<p>&nbsp;<\/p>\n<p>Cabine tribord<br \/>\nLits &#8211; lits jumeaux simples, c\u00f4te \u00e0 c\u00f4te<br \/>\nStore &#8211; store \u00e0 enroulement sur la fen\u00eatre de tribord<br \/>\nPanneau de pont avec store<br \/>\nPlancher &#8211; moquette en laine (Action Back &#8211; Stone)\/Voir moquette am\u00e9lior\u00e9e<br \/>\nPenderie &#8211; pleine hauteur<br \/>\nLampes de descente LED<br \/>\nMiroir &#8211; pleine hauteur<br \/>\nFen\u00eatre de coque panoramique<\/p>\n<p>&nbsp;<\/p>\n<p>Cockpit sup\u00e9rieur<br \/>\nTrappe d&rsquo;acc\u00e8s avec marches vers la salle des machines<br \/>\nTuyau d&rsquo;arrosage d&rsquo;eau douce<br \/>\nSi\u00e8ge orient\u00e9 vers l&rsquo;avant avec housse et coussins en vinyle assortis \u00e0 l&rsquo;int\u00e9rieur<br \/>\n\u00c9clairage LED<br \/>\nTable pliante en teck brut sur socle en acier inoxydable avec housse<br \/>\nCoffres \u00e0 cordages &#8211; b\u00e2bord et tribord<br \/>\nPont en teck sur la partie sup\u00e9rieure du cockpit<br \/>\nPortes de tableau arri\u00e8re (en acier inoxydable) \u00e0 b\u00e2bord et \u00e0 tribord<br \/>\nCockpit inf\u00e9rieur &#8211; Pont aventure<br \/>\nTrappe d&rsquo;acc\u00e8s \u00e0 la cambuse<br \/>\nDouche de cockpit chaude et froide<br \/>\nPrise d&rsquo;eau \u00e0 quai<br \/>\nUnit\u00e9 de divertissement du cockpit inf\u00e9rieur avec plaque de cong\u00e9lation, \u00e9vier, GPO et possibilit\u00e9 de BBQ {cochez l&rsquo;option BBQ)<br \/>\n\u00c9chelle de bain manuelle repliable<br \/>\nPont en teck<br \/>\nPrise de courant de 50 amp\u00e8res<\/p>\n<p>&nbsp;<\/p>\n<p>G\u00e9n\u00e9ralit\u00e9s<br \/>\nCrochet \u00e0 bateau<br \/>\nJeu de fus\u00e9es \u00e9clairantes, gilets de sauvetage et \u00e9quipement de s\u00e9curit\u00e9 c\u00f4ti\u00e8re<br \/>\nAmarres x 4<br \/>\nD\u00e9fenses x 4<br \/>\nBobine de tuyau d&rsquo;eau douce<br \/>\nExtincteurs \u00e0 main 1kg x 3<br \/>\nPack propri\u00e9taire<br \/>\nC\u00e2ble d&rsquo;alimentation de quai<br \/>\nLes ajouts des USA en standard :<br \/>\nAntenne a\u00e9rienne pour la r\u00e9ception de la t\u00e9l\u00e9vision<br \/>\nD\u00e9tecteurs de monoxyde de carbone<\/p>\n<p>C\u00e2bles de 50 amp\u00e8res Glendinning<br \/>\nVariateurs de lumi\u00e8re pour le salon, la cuisine et la cabine principale<br \/>\nGarantie moteur &#8211; 5 ans pour Volvo<br \/>\nTaquets rabattables \u00e0 l&rsquo;arri\u00e8re de la plate-forme de bain fixe<br \/>\nGPO et prise 12 volts sur la tablette \u00e0 tribord du poste de pilotage<br \/>\nGPO \u00e0 l&rsquo;extr\u00e9mit\u00e9 arri\u00e8re de la banquette de la cuisine et sur le banc du salon \u00e0 b\u00e2bord<br \/>\nGPO en duplex dans les deux salles d&rsquo;eau<br \/>\nBarbecue de cockpit inf\u00e9rieur en acier inoxydable avec interrupteur de s\u00e9curit\u00e9<br \/>\nKit d&rsquo;am\u00e9lioration de la cuisine Miele &#8211; hotte, table de cuisson, r\u00e9frig\u00e9rateur\/cong\u00e9lateur et four rapide<br \/>\nDisposition pour gyroscope<br \/>\nKit d&rsquo;ameublement<br \/>\nRemplacement du robinet de la cuisine par un robinet extractible standard<\/p>\n<p>&nbsp;<\/p>\n<p><strong><span style=\"color: black;\">AVIS DE NON-RESPONSABILIT\u00c9<\/span><\/strong><\/p>\n<p><strong><span style=\"color: black; font-weight: normal;\">Le bateau qui est pr\u00e9sent\u00e9 sur cette page, l\u2019est uniquement \u00e0 titre d\u2019information et n\u2019est pas n\u00e9cessairement toujours disponible \u00e0 la vente et\/ou \u00e0 la location.<\/span><\/strong><span class=\"apple-converted-space\"><b><span style=\"color: black;\">\u00a0<\/span><\/b><\/span><strong><span style=\"color: black; font-weight: normal;\">Ce bateau est peut-\u00eatre offert sous r\u00e9serve, il faut v\u00e9rifier sa disponibilit\u00e9.<\/span><\/strong><span class=\"apple-converted-space\"><b><span style=\"color: black;\">\u00a0<\/span><\/b><\/span><strong><span style=\"color: black; font-weight: normal;\">\u00a0Ce document ou cette annonce n\u2019est pas contractuel. Les informations sur les bateaux affich\u00e9es dans les r\u00e9sultats ci-dessus sont pr\u00e9sent\u00e9es en toute bonne foi et, bien qu\u2019elles soient consid\u00e9r\u00e9es comme correctes, elles ne sont pas garanties. Ita Yachts Canada ne garantit pas et n\u2019assume aucune responsabilit\u00e9 l\u00e9gale ou responsabilit\u00e9 pour l\u2019exactitude, l\u2019exhaustivit\u00e9 ou l\u2019utilit\u00e9 des informations et\/ou des images affich\u00e9es, car elles peuvent ne pas \u00eatre \u00e0 jour ou encore \u00eatres des images d\u2019un bateau comparable. Toutes les informations sur les bateaux peuvent \u00eatre modifi\u00e9es sans pr\u00e9avis et sont sans garantie.<\/span><\/strong><span class=\"apple-converted-space\"><b><span style=\"color: black;\">\u00a0<\/span><\/b><\/span><strong><span style=\"color: black; font-weight: normal;\">Ce bateau est peut-\u00eatre offert par un autre courtier ouvert au co-courtage (co-brokerage).<\/span><\/strong><\/p>\n<\/div>\n<\/div>\n<\/div>\n<\/div>\n<\/div>\n<\/div>\n<\/div>\n<\/div>\n<\/div>\n<div>\n<div class=\"html-content-description\">\n<p>&nbsp;<\/p>\n<div data-test='contact-form'\n\t\t\tid='contact-form-204158'\n\t\t\tclass='jetpack-contact-form-container '\n\t\t\tdata-wp-interactive='jetpack\/form' data-wp-context='{\"formId\":\"204158\",\"formHash\":\"632234ef5081332269450a34c6ec2aa5d2ddc55a\",\"showErrors\":false,\"errors\":[],\"fields\":[],\"isMultiStep\":false,\"useAjax\":false,\"submissionData\":null,\"formattedSubmissionData\":[],\"submissionSuccess\":false,\"submissionError\":null,\"elementId\":\"jp-form-632234ef5081332269450a34c6ec2aa5d2ddc55a\",\"isSingleInputForm\":false,\"isForcedHorizontal\":false}'\n\t\t\tdata-wp-watch--scroll-to-wrapper=\"callbacks.scrollToWrapper\"\n\t\t>\n<div class=\"contact-form-submission contact-form-ajax-submission\" data-wp-bind--aria-hidden=\"state.isSuccessMessageAriaHidden\" data-wp-class--submission-success=\"context.submissionSuccess\" id=\"contact-form-success-632234ef5081332269450a34c6ec2aa5d2ddc55a\" tabindex=\"-1\" aria-labelledby=\"contact-form-success-header-632234ef5081332269450a34c6ec2aa5d2ddc55a\"><p class=\"go-back-message\"><a class=\"link\" role=\"button\" tabindex=\"0\" data-wp-on--click=\"actions.goBack\" href=\"\/fr\/wp-json\/wp\/v2\/listing\/204158\">\u2190 Retour<\/a><\/p><h4 data-wp-bind--aria-hidden=\"state.isSuccessMessageAriaHidden\" id=\"contact-form-success-header-632234ef5081332269450a34c6ec2aa5d2ddc55a\">Merci pour votre r\u00e9ponse. \u2728<\/h4>\n\n<template data-wp-each--submission=\"context.formattedSubmissionData\">\n\t\t\t\t\t<div class=\"jetpack_forms_contact-form-success-summary\">\n\t\t\t\t\t\t<div class=\"field-name-wrapper\">\n\t\t\t\t\t\t\t<div class=\"field-type-icon\" data-wp-watch=\"callbacks.watchFieldTypeIcon\"><\/div>\n\t\t\t\t\t\t\t<div class=\"field-name\" data-wp-text=\"context.submission.label\" data-wp-bind--hidden=\"!context.submission.label\"><\/div>\n\t\t\t\t\t\t<\/div>\n\t\t\t\t\t\t<div class=\"field-value\" data-wp-text=\"context.submission.value\" data-wp-bind--hidden=\"!context.submission.showPlainValue\"><\/div>\n\t\t\t\t\t\t<a class=\"field-url\" data-wp-bind--href=\"context.submission.url\" data-wp-text=\"context.submission.value\" data-wp-bind--hidden=\"!context.submission.url\" target=\"_blank\" rel=\"noopener noreferrer\"><\/a>\n\t\t\t\t\t\t<div class=\"field-rating\" data-wp-bind--hidden=\"!context.submission.rating\" data-wp-watch=\"callbacks.watchRatingIcons\"><\/div>\n\t\t\t\t\t\t<div class=\"field-images\" data-wp-bind--hidden=\"!context.submission.images\">\n\t\t\t\t\t\t\t<template data-wp-each--image=\"context.submission.images\">\n\t\t\t\t\t\t\t\t<div class=\"field-image-option\" data-wp-class--is-empty=\"!context.image.src\">\n\t\t\t\t\t\t\t\t\t<figure class=\"field-image-option__image\" data-wp-class--is-empty=\"!context.image.src\">\n\t\t\t\t\t\t\t\t\t\t<img data-wp-bind--src=\"context.image.src\" data-wp-bind--hidden=\"!context.image.src\" \/>\n\t\t\t\t\t\t\t\t\t\t<img decoding=\"async\" src=\"data:image\/gif;base64,R0lGODlhAQABAAD\/ACwAAAAAAQABAAACADs=\" data-wp-bind--hidden=\"context.image.src\" \/>\n\t\t\t\t\t\t\t\t\t<\/figure>\n\t\t\t\t\t\t\t\t\t<div class=\"field-image-option__label-wrapper\">\n\t\t\t\t\t\t\t\t\t\t<span class=\"field-image-option__label-code\" data-wp-text=\"context.image.letterCode\"><\/span>\n\t\t\t\t\t\t\t\t\t\t<span class=\"field-image-option__label\" data-wp-text=\"context.image.label\" data-wp-bind--hidden=\"!context.image.label\"><\/span>\n\t\t\t\t\t\t\t\t\t<\/div>\n\t\t\t\t\t\t\t\t<\/div>\n\t\t\t\t\t\t\t<\/template>\n\t\t\t\t\t\t<\/div>\n\t\t\t\t\t\t<div class=\"field-files\" data-wp-bind--hidden=\"!context.submission.files\">\n\t\t\t\t\t\t\t<template data-wp-each--file=\"context.submission.files\">\n\t\t\t\t\t\t\t\t<div class=\"field-file\">\n\t\t\t\t\t\t\t\t\t<div class=\"field-file__thumbnail\" data-wp-style--background-image=\"context.file.previewUrl\" data-wp-style--mask-image=\"context.file.iconUrl\" data-wp-bind--hidden=\"!context.file.hasPreview\"><\/div>\n\t\t\t\t\t\t\t\t\t<svg class=\"field-file__icon\" data-wp-bind--hidden=\"context.file.hasPreview\" width=\"20\" height=\"20\" viewBox=\"0 0 24 24\" fill=\"none\" xmlns=\"http:\/\/www.w3.org\/2000\/svg\" aria-hidden=\"true\">\n\t\t\t\t\t\t\t\t\t\t<path d=\"M14 2H6C4.9 2 4 2.9 4 4V20C4 21.1 4.89 22 5.99 22H18C19.1 22 20 21.1 20 20V8L14 2ZM18 20H6V4H13V9H18V20Z\" fill=\"currentColor\"\/>\n\t\t\t\t\t\t\t\t\t<\/svg>\n\t\t\t\t\t\t\t\t\t<span class=\"field-file__name\" data-wp-text=\"context.file.name\"><\/span>\n\t\t\t\t\t\t\t\t\t<span class=\"field-file__size\" data-wp-text=\"context.file.size\"><\/span>\n\t\t\t\t\t\t\t\t<\/div>\n\t\t\t\t\t\t\t<\/template>\n\t\t\t\t\t\t<\/div>\n\t\t\t\t\t<\/div>\n\t\t\t\t<\/template><\/div><form action='https:\/\/itayachtscanada.com\/fr\/listing\/maritimo-m60-2024-3399000-usd-for-sale\/'\n\t\t\t\tid='jp-form-632234ef5081332269450a34c6ec2aa5d2ddc55a'\n\t\t\t\tmethod='post'\n\t\t\t\tclass='contact-form commentsblock jetpack-contact-form__form has-no-jetpack-form-layout' aria-label=\"{:en}Maritimo M60 2024 $3,349,000 usd for sale{:}{:fr}Maritimo M60 2024 $3,349,000 usd \u00e0 vendre{:}\"\n\t\t\t\tdata-wp-on--submit=\"actions.onFormSubmit\"\n\t\t\t\tdata-wp-on--reset=\"actions.onFormReset\"\n\t\t\t\tdata-wp-class--submission-success=\"context.submissionSuccess\"\n\t\t\t\tdata-wp-class--is-first-step=\"state.isFirstStep\"\n\t\t\t\tdata-wp-class--is-last-step=\"state.isLastStep\"\n\t\t\t\tdata-wp-class--is-ajax-form=\"context.useAjax\"\n\t\t\t\tnovalidate >\n<input type='hidden' name='jetpack_contact_form_jwt' value='eyJ0eXAiOiJKV1QiLCJhbGciOiJIUzI1NiJ9.eyJlbmNyeXB0ZWRfYXR0cmlidXRlcyI6InRiYVNZTkcxS2dqTHQvaVFFeVRjOGV5QURPRGZvdDNidHkxTmdBclhGNHA3OVQwWEdvWVJGNm9rOWVHVDFOeDlLRkwvS21lcC9EbHBHajNaU05zTCtueGlMYWI3VmxwOFJEeEJSMHpVeWdiZlpLbmxJWTN4d3dNN28vWTg3MGZXMlV3MkZ6TC93QnZoVVVZUUpqay9HaHhnMGtjNGJzWU5vNTN2QlpmcWdESVdmRWJRYUV2U2NmUG5ENzNtN0xyQVd1VUhRMHNpaEJwa3RsYUdtK0tPbFBpdWJoTjdUWUx0RlZXWjJTWGljaEZiT1FabVBiVmtUcS9Nc3hkdGJmcC85azYzN3FvY0c0VjRDSU1lWkVMenAyWTZuelpGbG9oblNVNjdnOUZYeVMrS3NIYnlFUlpkQTJQQkh6eFR1OWFJOWg3bVg1eGFpeUtSZ2NmTU01ckh3S1lTcUNCQkJvdHpyWFhFRW8zbkpRNThCQ0wrYXVhWHpWNUFQNG1IQnNiUVd2cGtYN0hYTW5SelFOYzhmUGdqdmoxSWRRemxCbDN3aGJYMVNXU05ISWxsQUZvSHdvekYzNDJNQzg3WUdsVDJ6KzQxNlFaRnJzbHhTdFZ4b0JTbHRrWGVHN1NrMExvUjJLN3pzWmowTVM2d29ZaGVjMlY1Nkk1eXp1SGs5SzJJWTdxR0hIYytyS2x2eUtQYlUwWDZsYXdtWWl4UTRiWHh5UXJ6M3Roc0p5QlAyNkFXaE1FZjd1SnlzZlA0WXJ5RlJmaVhQWHYydTJrUVRLZ3o1RzVJNGNzOUdOeVQ1c21aaXhJVnRvWGtWb1RvNVdnbjV5NkY1Zm5pRWhRNlh5d2M0TDJoYW1yUW4yMVJxWldKK1dWdW9DMHhZN1p6dmhnUmF4MFBXRDYrMjkrVDBxeElLOFpQRUJ3K0V3TjNXeiswSTl4NDRvMXhuNlRWN3E4bHBPUkF3WTgrWVBsMjEyak01WXhqTlNCUmVONDdhZkMxU2JxZSsrczN3NU5wMm9jaithVjNIVmFwK2xxaHNheFNwYm1vbHI3MHlDQ2Q4TmN3ZFNEOWRBNGFzUVVyT0JBVGNnV1UwSkpZeXlzblI4VzQ4aWxUOE8yT09keXUyWHRTV0U4L1haTm9xejhIZ0Y4ekFTeGhYNGY3SHgyQy96U09vNjJVQWRybFBtbWxyUUR2ZC9uRTRVYU5paGx0MWpva0xJdmlQS1k0U0l2blJNdHZSV3pLZ1NkT1h0SnZ4Sm5DZndTR1o4eG5lZ3pFSTVHb0YvZGlyeUsweVM5ZjFRPT0iLCJjb250ZW50IjoiW2NvbnRhY3QtZmllbGQgbGFiZWw9XCJOb206XCIgdHlwZT1cIm5hbWVcIiByZXF1aXJlZD1cIjFcIl1bY29udGFjdC1maWVsZCBsYWJlbD1cIkUtbWFpbFwiIHR5cGU9XCJlbWFpbFwiIHJlcXVpcmVkPVwiMVwiXVtjb250YWN0LWZpZWxkIGxhYmVsPVwiQXUgc3VqZXQgZGUgY2UgeWFjaHQ6IFwiIHR5cGU9XCJ0ZXh0XCJdW2NvbnRhY3QtZmllbGQgbGFiZWw9XCJNZXNzYWdlXCIgdHlwZT1cInRleHRhcmVhXCJdIiwiaGFzaCI6IjYzMjIzNGVmNTA4MTMzMjI2OTQ1MGEzNGM2ZWMyYWE1ZDJkZGM1NWEiLCJzb3VyY2UiOnsiZW50cnlfdGl0bGUiOiJNYXJpdGltbyBNNjAgMjAyNCAkMywzNDksMDAwIHVzZCBcdTAwZTAgdmVuZHJlIiwiZW50cnlfcGFnZSI6MSwic291cmNlX2lkIjoyMDQxNTgsInNvdXJjZV90eXBlIjoic2luZ2xlIiwicmVxdWVzdF91cmwiOiJodHRwczovL2l0YXlhY2h0c2NhbmFkYS5jb20vZnIvd3AtanNvbi93cC92Mi9saXN0aW5nLzIwNDE1OCJ9LCJ2ZXJzaW9uIjoyLCJjaXBoZXIiOiJhZXMtMjU2LWdjbSJ9.i21MWSjosaNC9KwvBCZYUK1RPSCDzE2AHc7ZrKaXlXs' \/>\n\n<div style=\"\"  data-wp-interactive=\"jetpack\/form\" data-wp-context='{\"fieldId\":\"g204158-nom\",\"fieldType\":\"name\",\"fieldLabel\":\"Nom:\",\"fieldValue\":\"\",\"fieldPlaceholder\":\"\",\"fieldIsRequired\":\"1\",\"fieldErrorMessage\":\"\",\"fieldExtra\":[],\"formHash\":\"632234ef5081332269450a34c6ec2aa5d2ddc55a\"}'  class='grunion-field-name-wrap grunion-field-wrap'  data-wp-init='callbacks.initializeField' data-wp-on--jetpack-form-reset='callbacks.initializeField' >\n<label\n\t\t\t\tfor='g204158-nom' class=\"grunion-field-label name\" >Nom:<span class=\"grunion-label-required\" aria-hidden=\"true\">(obligatoire)<\/span><\/label>\n<input\n\t\t\t\t\ttype='text'\n\t\t\t\t\tname='g204158-nom'\n\t\t\t\t\tid='g204158-nom'\n\t\t\t\t\tvalue=''\n\n\t\t\t\t\tdata-wp-bind--aria-invalid='state.fieldAriaInvalid'\n\t\t\t\t\tdata-wp-bind--value='state.getFieldValue'\n\t\t\t\t\taria-describedby='g204158-nom-text-error-message'\n\t\t\t\t\tdata-wp-on--input='actions.onFieldChange'\n\t\t\t\t\tdata-wp-on--blur='actions.onFieldBlur'\n\t\t\t\t\tdata-wp-class--has-value='state.hasFieldValue'\n\n\t\t\t\t\tclass='name  grunion-field' \n\t\t\t\t\trequired='true' aria-required='true'  \/>\n \n\t\t\t<div id=\"g204158-nom-text-error\" class=\"contact-form__input-error\" data-wp-class--has-errors=\"state.fieldHasErrors\">\n\t\t\t\t<span class=\"contact-form__warning-icon\" aria-hidden=\"true\">\n\t\t\t\t\t<svg width=\"16\" height=\"16\" viewBox=\"0 0 16 16\" fill=\"none\" xmlns=\"http:\/\/www.w3.org\/2000\/svg\">\n\t\t\t\t\t\t<path d=\"M8.50015 11.6402H7.50015V10.6402H8.50015V11.6402Z\" \/>\n\t\t\t\t\t\t<path d=\"M7.50015 9.64018H8.50015V6.30684H7.50015V9.64018Z\" \/>\n\t\t\t\t\t\t<path fill-rule=\"evenodd\" clip-rule=\"evenodd\" d=\"M6.98331 3.0947C7.42933 2.30177 8.57096 2.30177 9.01698 3.09469L13.8771 11.7349C14.3145 12.5126 13.7525 13.4735 12.8602 13.4735H3.14004C2.24774 13.4735 1.68575 12.5126 2.12321 11.7349L6.98331 3.0947ZM8.14541 3.58496C8.08169 3.47168 7.9186 3.47168 7.85488 3.58496L2.99478 12.2251C2.93229 12.3362 3.01257 12.4735 3.14004 12.4735H12.8602C12.9877 12.4735 13.068 12.3362 13.0055 12.2251L8.14541 3.58496Z\" \/>\n\t\t\t\t\t<\/svg>\n\t\t\t\t<\/span>\n\t\t\t\t<span data-wp-text=\"state.errorMessage\" id=\"g204158-nom-text-error-message\"><\/span>\n\t\t\t<\/div> \n\t<\/div>\n\n<div style=\"\"  data-wp-interactive=\"jetpack\/form\" data-wp-context='{\"fieldId\":\"g204158-email\",\"fieldType\":\"email\",\"fieldLabel\":\"E-mail\",\"fieldValue\":\"\",\"fieldPlaceholder\":\"\",\"fieldIsRequired\":\"1\",\"fieldErrorMessage\":\"\",\"fieldExtra\":[],\"formHash\":\"632234ef5081332269450a34c6ec2aa5d2ddc55a\"}'  class='grunion-field-email-wrap grunion-field-wrap'  data-wp-init='callbacks.initializeField' data-wp-on--jetpack-form-reset='callbacks.initializeField' >\n<label\n\t\t\t\tfor='g204158-email' class=\"grunion-field-label email\" >E-mail<span class=\"grunion-label-required\" aria-hidden=\"true\">(obligatoire)<\/span><\/label>\n<input\n\t\t\t\t\ttype='email'\n\t\t\t\t\tname='g204158-email'\n\t\t\t\t\tid='g204158-email'\n\t\t\t\t\tvalue=''\n\n\t\t\t\t\tdata-wp-bind--aria-invalid='state.fieldAriaInvalid'\n\t\t\t\t\tdata-wp-bind--value='state.getFieldValue'\n\t\t\t\t\taria-describedby='g204158-email-email-error-message'\n\t\t\t\t\tdata-wp-on--input='actions.onFieldChange'\n\t\t\t\t\tdata-wp-on--blur='actions.onFieldBlur'\n\t\t\t\t\tdata-wp-class--has-value='state.hasFieldValue'\n\n\t\t\t\t\tclass='email  grunion-field' \n\t\t\t\t\trequired='true' aria-required='true'  \/>\n \n\t\t\t<div id=\"g204158-email-email-error\" class=\"contact-form__input-error\" data-wp-class--has-errors=\"state.fieldHasErrors\">\n\t\t\t\t<span class=\"contact-form__warning-icon\" aria-hidden=\"true\">\n\t\t\t\t\t<svg width=\"16\" height=\"16\" viewBox=\"0 0 16 16\" fill=\"none\" xmlns=\"http:\/\/www.w3.org\/2000\/svg\">\n\t\t\t\t\t\t<path d=\"M8.50015 11.6402H7.50015V10.6402H8.50015V11.6402Z\" \/>\n\t\t\t\t\t\t<path d=\"M7.50015 9.64018H8.50015V6.30684H7.50015V9.64018Z\" \/>\n\t\t\t\t\t\t<path fill-rule=\"evenodd\" clip-rule=\"evenodd\" d=\"M6.98331 3.0947C7.42933 2.30177 8.57096 2.30177 9.01698 3.09469L13.8771 11.7349C14.3145 12.5126 13.7525 13.4735 12.8602 13.4735H3.14004C2.24774 13.4735 1.68575 12.5126 2.12321 11.7349L6.98331 3.0947ZM8.14541 3.58496C8.08169 3.47168 7.9186 3.47168 7.85488 3.58496L2.99478 12.2251C2.93229 12.3362 3.01257 12.4735 3.14004 12.4735H12.8602C12.9877 12.4735 13.068 12.3362 13.0055 12.2251L8.14541 3.58496Z\" \/>\n\t\t\t\t\t<\/svg>\n\t\t\t\t<\/span>\n\t\t\t\t<span data-wp-text=\"state.errorMessage\" id=\"g204158-email-email-error-message\"><\/span>\n\t\t\t<\/div> \n\t<\/div>\n\n<div style=\"\"  data-wp-interactive=\"jetpack\/form\" data-wp-context='{\"fieldId\":\"g204158-ausujetdeceyacht\",\"fieldType\":\"text\",\"fieldLabel\":\"Au sujet de ce yacht: \",\"fieldValue\":\"\",\"fieldPlaceholder\":\"\",\"fieldIsRequired\":\"\",\"fieldErrorMessage\":\"\",\"fieldExtra\":[],\"formHash\":\"632234ef5081332269450a34c6ec2aa5d2ddc55a\"}'  class='grunion-field-text-wrap grunion-field-wrap'  data-wp-init='callbacks.initializeField' data-wp-on--jetpack-form-reset='callbacks.initializeField' >\n<label\n\t\t\t\tfor='g204158-ausujetdeceyacht' class=\"grunion-field-label text\" >Au sujet de ce yacht: <\/label>\n<input\n\t\t\t\t\ttype='text'\n\t\t\t\t\tname='g204158-ausujetdeceyacht'\n\t\t\t\t\tid='g204158-ausujetdeceyacht'\n\t\t\t\t\tvalue=''\n\n\t\t\t\t\tdata-wp-bind--aria-invalid='state.fieldAriaInvalid'\n\t\t\t\t\tdata-wp-bind--value='state.getFieldValue'\n\t\t\t\t\taria-describedby='g204158-ausujetdeceyacht-text-error-message'\n\t\t\t\t\tdata-wp-on--input='actions.onFieldChange'\n\t\t\t\t\tdata-wp-on--blur='actions.onFieldBlur'\n\t\t\t\t\tdata-wp-class--has-value='state.hasFieldValue'\n\n\t\t\t\t\tclass='text  grunion-field' \n\t\t\t\t\t \/>\n \n\t\t\t<div id=\"g204158-ausujetdeceyacht-text-error\" class=\"contact-form__input-error\" data-wp-class--has-errors=\"state.fieldHasErrors\">\n\t\t\t\t<span class=\"contact-form__warning-icon\" aria-hidden=\"true\">\n\t\t\t\t\t<svg width=\"16\" height=\"16\" viewBox=\"0 0 16 16\" fill=\"none\" xmlns=\"http:\/\/www.w3.org\/2000\/svg\">\n\t\t\t\t\t\t<path d=\"M8.50015 11.6402H7.50015V10.6402H8.50015V11.6402Z\" \/>\n\t\t\t\t\t\t<path d=\"M7.50015 9.64018H8.50015V6.30684H7.50015V9.64018Z\" \/>\n\t\t\t\t\t\t<path fill-rule=\"evenodd\" clip-rule=\"evenodd\" d=\"M6.98331 3.0947C7.42933 2.30177 8.57096 2.30177 9.01698 3.09469L13.8771 11.7349C14.3145 12.5126 13.7525 13.4735 12.8602 13.4735H3.14004C2.24774 13.4735 1.68575 12.5126 2.12321 11.7349L6.98331 3.0947ZM8.14541 3.58496C8.08169 3.47168 7.9186 3.47168 7.85488 3.58496L2.99478 12.2251C2.93229 12.3362 3.01257 12.4735 3.14004 12.4735H12.8602C12.9877 12.4735 13.068 12.3362 13.0055 12.2251L8.14541 3.58496Z\" \/>\n\t\t\t\t\t<\/svg>\n\t\t\t\t<\/span>\n\t\t\t\t<span data-wp-text=\"state.errorMessage\" id=\"g204158-ausujetdeceyacht-text-error-message\"><\/span>\n\t\t\t<\/div> \n\t<\/div>\n\n<div style=\"\"  data-wp-interactive=\"jetpack\/form\" data-wp-context='{\"fieldId\":\"g204158-message\",\"fieldType\":\"textarea\",\"fieldLabel\":\"Message\",\"fieldValue\":\"\",\"fieldPlaceholder\":\"\",\"fieldIsRequired\":\"\",\"fieldErrorMessage\":\"\",\"fieldExtra\":[],\"formHash\":\"632234ef5081332269450a34c6ec2aa5d2ddc55a\"}'  class='grunion-field-textarea-wrap grunion-field-wrap'  data-wp-init='callbacks.initializeField' data-wp-on--jetpack-form-reset='callbacks.initializeField' >\n<label\n\t\t\t\tfor='contact-form-comment-g204158-message' class=\"grunion-field-label textarea\" >Message<\/label>\n<textarea\n\t\t                style=''\n\t\t                name='g204158-message'\n\t\t                id='contact-form-comment-g204158-message'\n\t\t                rows='20'\n\t\t\t\t\t\tdata-wp-text='state.getFieldValue'\n\t\t\t\t\t\tdata-wp-on--input='actions.onFieldChange'\n\t\t\t\t\t\tdata-wp-on--blur='actions.onFieldBlur'\n\t\t\t\t\t\tdata-wp-class--has-value='state.hasFieldValue'\n\t\t\t\t\t\taria-describedby='g204158-message-textarea-error-message'\n\t\t\t\t\t\tdata-wp-bind--aria-invalid='state.fieldAriaInvalid'\n\t\t\t\t\t\tclass='textarea  grunion-field'  ><\/textarea>\n \n\t\t\t<div id=\"g204158-message-textarea-error\" class=\"contact-form__input-error\" data-wp-class--has-errors=\"state.fieldHasErrors\">\n\t\t\t\t<span class=\"contact-form__warning-icon\" aria-hidden=\"true\">\n\t\t\t\t\t<svg width=\"16\" height=\"16\" viewBox=\"0 0 16 16\" fill=\"none\" xmlns=\"http:\/\/www.w3.org\/2000\/svg\">\n\t\t\t\t\t\t<path d=\"M8.50015 11.6402H7.50015V10.6402H8.50015V11.6402Z\" \/>\n\t\t\t\t\t\t<path d=\"M7.50015 9.64018H8.50015V6.30684H7.50015V9.64018Z\" \/>\n\t\t\t\t\t\t<path fill-rule=\"evenodd\" clip-rule=\"evenodd\" d=\"M6.98331 3.0947C7.42933 2.30177 8.57096 2.30177 9.01698 3.09469L13.8771 11.7349C14.3145 12.5126 13.7525 13.4735 12.8602 13.4735H3.14004C2.24774 13.4735 1.68575 12.5126 2.12321 11.7349L6.98331 3.0947ZM8.14541 3.58496C8.08169 3.47168 7.9186 3.47168 7.85488 3.58496L2.99478 12.2251C2.93229 12.3362 3.01257 12.4735 3.14004 12.4735H12.8602C12.9877 12.4735 13.068 12.3362 13.0055 12.2251L8.14541 3.58496Z\" \/>\n\t\t\t\t\t<\/svg>\n\t\t\t\t<\/span>\n\t\t\t\t<span data-wp-text=\"state.errorMessage\" id=\"g204158-message-textarea-error-message\"><\/span>\n\t\t\t<\/div>\n\t<\/div>\n\t<p class='contact-submit'>\n<div class=\"contact-form__error\" data-wp-class--show-errors=\"state.showFormErrors\"><span class=\"contact-form__warning-icon\" aria-hidden=\"true\"><i><\/i><\/span><span class=\"contact-form__error-message\" tabindex=\"-1\" data-wp-watch=\"callbacks.focusOnValidationError\" data-wp-text=\"state.getFormErrorMessage\"><\/span><ul aria-label=\"Erreurs de formulaire\">\n\t\t\t\t<template data-wp-each=\"state.getErrorList\" data-wp-key=\"context.item.id\">\n\t\t\t\t\t<li><a data-wp-bind--href=\"context.item.anchor\" data-wp-on--click=\"actions.scrollIntoView\" data-wp-text=\"context.item.label\"><\/a><\/li>\n\t\t\t\t<\/template>\n\t\t\t\t<\/ul><\/div><div class=\"contact-form__error\" data-wp-class--show-errors=\"state.showSubmissionError\" data-wp-text=\"context.submissionError\" tabindex=\"-1\" data-wp-watch=\"callbacks.focusOnSubmissionError\"><\/div>\t\t<button type='submit' class='pushbutton-wide'>Envoyer<\/button>\t\t<input type='hidden' name='contact-form-id' value='204158' \/>\n\t\t<input type='hidden' name='action' value='grunion-contact-form' \/>\n\t\t<input type='hidden' name='contact-form-hash' value='632234ef5081332269450a34c6ec2aa5d2ddc55a' \/>\n\t<\/p>\n<p style=\"display: none !important;\" class=\"akismet-fields-container\" data-prefix=\"ak_\"><label>&#916;<textarea name=\"ak_hp_textarea\" cols=\"45\" rows=\"8\" maxlength=\"100\"><\/textarea><\/label><input type=\"hidden\" id=\"ak_js_1\" name=\"ak_js\" value=\"52\"\/><script type=\"text\/javascript\">\n\/* <![CDATA[ *\/\ndocument.getElementById( \"ak_js_1\" ).setAttribute( \"value\", ( new Date() ).getTime() );\n\/* ]]> *\/\n<\/script>\n<\/p><\/form>\n<\/div>\n<p>&nbsp;<\/p>\n<p>&nbsp;<\/p>\n<\/div>\n<\/div>\n","protected":false},"excerpt":{"rendered":"<p>OFF. MARKET (pr\u00e9sentement retir\u00e9 de la vente) Maritimo M60 2024 $3,349,000 usd \u00e0 vendre \u00ab Nous vous pr\u00e9sentons le 2024 M60 Maritimo Yacht, Afternoon Delight, un chef-d&rsquo;\u0153uvre de luxe. Fabriqu\u00e9 avec pr\u00e9cision, ce magnifique yacht offre un confort in\u00e9gal\u00e9, une technologie de pointe et un design \u00e9l\u00e9gant. Parfait pour les loisirs et l&rsquo;aventure \u00bb. Le &hellip; <a href=\"https:\/\/itayachtscanada.com\/fr\/listing\/maritimo-m60-2024-3399000-usd-for-sale\/\" class=\"more-link\">Lire la suite <span class=\"screen-reader-text\">Maritimo M60 2024 $3,349,000 usd \u00e0 vendre<\/span> <span class=\"meta-nav\">&rarr;<\/span><\/a><\/p>\n","protected":false},"author":119081455,"featured_media":204205,"parent":0,"menu_order":0,"comment_status":"open","ping_status":"open","template":"","format":"standard","meta":{"_coblocks_attr":"","_coblocks_dimensions":"","_coblocks_responsive_height":"","_coblocks_accordion_ie_support":"","_lmt_disableupdate":"no","_lmt_disable":"no","advanced_seo_description":"","jetpack_seo_html_title":"","jetpack_seo_noindex":false,"footnotes":""},"manufacturer":[6806],"prix":[6609],"years":[7656],"length_feet":[6588],"boat_type":[6464],"price_range":[6581],"localisations":[],"numyacht":[10147],"datevente":[10419,10545,10659,10905,11128,11231],"country":[10755],"states":[10770],"city":[10812],"fresh-water-boat":[10809],"broker":[],"migration":[10888],"class_list":["post-204158","listing","type-listing","status-publish","format-standard","has-post-thumbnail","hentry","manufacturer-maritimo","prix-6609","years-7656","length_feet-between-60-and-69-feets","boat_type-flybridge","price_range-3000000-4999999","numyacht-10147","datevente-2025-06-02","datevente-2025-07-29","datevente-2025-09-24","datevente-2025-11-20","datevente-2026-01-18","datevente-2026-03-18","country-united-states","states-floride","city-fort-lauderdale","fresh-water-boat-non","migration-non"],"translation":{"provider":"WPGlobus","version":"2.12.2","language":"fr","enabled_languages":["en","fr"],"languages":{"en":{"title":true,"content":true,"excerpt":false},"fr":{"title":true,"content":true,"excerpt":false}}},"jetpack_likes_enabled":true,"jetpack_sharing_enabled":true,"_links":{"self":[{"href":"https:\/\/itayachtscanada.com\/fr\/wp-json\/wp\/v2\/listing\/204158","targetHints":{"allow":["GET"]}}],"collection":[{"href":"https:\/\/itayachtscanada.com\/fr\/wp-json\/wp\/v2\/listing"}],"about":[{"href":"https:\/\/itayachtscanada.com\/fr\/wp-json\/wp\/v2\/types\/listing"}],"author":[{"embeddable":true,"href":"https:\/\/itayachtscanada.com\/fr\/wp-json\/wp\/v2\/users\/119081455"}],"replies":[{"embeddable":true,"href":"https:\/\/itayachtscanada.com\/fr\/wp-json\/wp\/v2\/comments?post=204158"}],"version-history":[{"count":27,"href":"https:\/\/itayachtscanada.com\/fr\/wp-json\/wp\/v2\/listing\/204158\/revisions"}],"predecessor-version":[{"id":298421,"href":"https:\/\/itayachtscanada.com\/fr\/wp-json\/wp\/v2\/listing\/204158\/revisions\/298421"}],"wp:featuredmedia":[{"embeddable":true,"href":"https:\/\/itayachtscanada.com\/fr\/wp-json\/wp\/v2\/media\/204205"}],"wp:attachment":[{"href":"https:\/\/itayachtscanada.com\/fr\/wp-json\/wp\/v2\/media?parent=204158"}],"wp:term":[{"taxonomy":"manufacturer","embeddable":true,"href":"https:\/\/itayachtscanada.com\/fr\/wp-json\/wp\/v2\/manufacturer?post=204158"},{"taxonomy":"prix","embeddable":true,"href":"https:\/\/itayachtscanada.com\/fr\/wp-json\/wp\/v2\/prix?post=204158"},{"taxonomy":"years","embeddable":true,"href":"https:\/\/itayachtscanada.com\/fr\/wp-json\/wp\/v2\/years?post=204158"},{"taxonomy":"length_feet","embeddable":true,"href":"https:\/\/itayachtscanada.com\/fr\/wp-json\/wp\/v2\/length_feet?post=204158"},{"taxonomy":"boat_type","embeddable":true,"href":"https:\/\/itayachtscanada.com\/fr\/wp-json\/wp\/v2\/boat_type?post=204158"},{"taxonomy":"price_range","embeddable":true,"href":"https:\/\/itayachtscanada.com\/fr\/wp-json\/wp\/v2\/price_range?post=204158"},{"taxonomy":"localisations","embeddable":true,"href":"https:\/\/itayachtscanada.com\/fr\/wp-json\/wp\/v2\/localisations?post=204158"},{"taxonomy":"numyacht","embeddable":true,"href":"https:\/\/itayachtscanada.com\/fr\/wp-json\/wp\/v2\/numyacht?post=204158"},{"taxonomy":"datevente","embeddable":true,"href":"https:\/\/itayachtscanada.com\/fr\/wp-json\/wp\/v2\/datevente?post=204158"},{"taxonomy":"country","embeddable":true,"href":"https:\/\/itayachtscanada.com\/fr\/wp-json\/wp\/v2\/country?post=204158"},{"taxonomy":"states","embeddable":true,"href":"https:\/\/itayachtscanada.com\/fr\/wp-json\/wp\/v2\/states?post=204158"},{"taxonomy":"city","embeddable":true,"href":"https:\/\/itayachtscanada.com\/fr\/wp-json\/wp\/v2\/city?post=204158"},{"taxonomy":"fresh-water-boat","embeddable":true,"href":"https:\/\/itayachtscanada.com\/fr\/wp-json\/wp\/v2\/fresh-water-boat?post=204158"},{"taxonomy":"broker","embeddable":true,"href":"https:\/\/itayachtscanada.com\/fr\/wp-json\/wp\/v2\/broker?post=204158"},{"taxonomy":"migration","embeddable":true,"href":"https:\/\/itayachtscanada.com\/fr\/wp-json\/wp\/v2\/migration?post=204158"}],"curies":[{"name":"wp","href":"https:\/\/api.w.org\/{rel}","templated":true}]}}