{"id":203495,"date":"2025-02-05T12:12:29","date_gmt":"2025-02-05T17:12:29","guid":{"rendered":"https:\/\/itayachtscanada.com\/?post_type=listing&#038;p=203495"},"modified":"2026-03-14T10:21:58","modified_gmt":"2026-03-14T14:21:58","slug":"ferretti-custom-line-106-2022-10888888-usd-for-sale","status":"publish","type":"listing","link":"https:\/\/itayachtscanada.com\/fr\/listing\/ferretti-custom-line-106-2022-10888888-usd-for-sale\/","title":{"rendered":"Ferretti Custom Line 106 2022 $9,888,888 usd \u00e0 vendre"},"content":{"rendered":"<p>OFF MARKET (pr\u00e9sentement retir\u00e9 de la vente)<\/p>\n<p><strong>Ferretti Custom Line 106 2022 $9,888,888 usd \u00e0 vendre<\/strong><\/p>\n<p>2022 Custom Line 106&rsquo;\/ ISLA<\/p>\n<p>*Pas de vente aux r\u00e9sidents am\u00e9ricains dans les eaux am\u00e9ricaines.<\/p>\n<p>Photos professionnelles \u00e0 venir !<\/p>\n<p>Ce magnifique super yacht est une cr\u00e9ation du d\u00e9partement d&rsquo;ing\u00e9nierie du groupe Ferretti, soutenu par l&rsquo;expertise de Francesco Paszkowski Design pour le style ext\u00e9rieur et le design int\u00e9rieur. Jouant un r\u00f4le strat\u00e9gique dans le processus de design int\u00e9rieur, Custom Line Atelier a travaill\u00e9 en contact direct et constant avec le client afin de comprendre et d&rsquo;interpr\u00e9ter le style qu&rsquo;il souhaitait.<\/p>\n<p>Le design des lignes de la coque se refl\u00e8te dans les brillantes performances hydrodynamiques de la ligne de planification de la marque. Les contours \u00e9l\u00e9gants et puissants pr\u00e9sentent des lignes enseign\u00e9es qui s&rsquo;\u00e9tendent de la proue \u00e0 la poupe, dans une alternance passionnante de mat\u00e9riaux et de couleurs repr\u00e9sent\u00e9s par des surfaces structurelles claires et des plaques de verre fonc\u00e9es.<\/p>\n<p>Le superyacht ISLA de 32,82 m\u00e8tres est caract\u00e9ris\u00e9 par les choix de couleurs de la famille du propri\u00e9taire am\u00e9ricain, des couleurs vibrantes peuvent \u00eatre vues dans tout le design int\u00e9rieur du yacht, ornant les tissus, les d\u00e9corations et les \u00e9l\u00e9ments structurels.<\/p>\n<p>C&rsquo;est un d\u00e9but d&rsquo;ann\u00e9e fantastique pour Custom Line qui se pr\u00e9pare \u00e0 lancer d&rsquo;autres nouveaux chefs-d&rsquo;\u0153uvre de construction de yachts cr\u00e9\u00e9s avec l&rsquo;approche sur mesure qui les rend \u00e0 la fois uniques et tr\u00e8s demand\u00e9s.<\/p>\n<p>Points forts :<\/p>\n<p>Syst\u00e8me d&rsquo;amarrage sans fil install\u00e9 7\/24<br \/>\n(5) Seabobs peints sur mesure avec berceaux en acier inoxydable 7\/24<br \/>\nToboggan aquatique personnalis\u00e9 Aquabana 24\/09<br \/>\n(2 refroidisseurs d&rsquo;air conditionn\u00e9 remplac\u00e9s 7\/24<br \/>\nTous les nouveaux matelas personnalis\u00e9s 8\/24<br \/>\nToutes les nouvelles t\u00eates de lit personnalis\u00e9es 8\/24<br \/>\nApplication d&rsquo;un rev\u00eatement c\u00e9ramique sur la coque et la superstructure &#8211; 7\/24<br \/>\nNouveau star link &#8211; r\u00e9seau pep wave &#8211; 7\/24<br \/>\nNouvelle peinture de fond &#8211; vitesse d&rsquo;h\u00e9lice 7\/24<br \/>\nSyst\u00e8me d&rsquo;incendie recertifi\u00e9 7\/24<br \/>\nNouveaux \u00e9clairages sous-marins 7\/24<br \/>\nRadeaux de sauvetage recertifi\u00e9s 12\/24<br \/>\nEntretien complet du moteur, de la transmission, du g\u00e9n\u00e9rateur et de l&rsquo;\u00e9changeur de chaleur effectu\u00e9 le 2\/2025<br \/>\nEntretien annuel complet du Sea Keeper effectu\u00e9 2\/2025<br \/>\nEntretien complet du syst\u00e8me hydraulique &#8211; stabilisateur et propulseur. Nouveaux \u00e9changeurs de chaleur 2\/2025<br \/>\n2021 SportJet 395 Williams Tender<\/p>\n<p>&nbsp;<\/p>\n<h3>Ce Ferretti Custom Line 106 est situ\u00e9 dans le sud de la Floride, veuillez nous contacter au 514-521-1221 pour tous les d\u00e9tails concernant ce Ferretti Custom Line 106, notre bureau est situ\u00e9 en banlieue de Montr\u00e9al.<\/h3>\n<p><a href=\"https:\/\/itayachtscanada.com\/fr\/virtuals_visits\/ferretti-custom-line-106\/\">Cliquez ici<\/a> pour une visite virtuelle du Custom Line 106.<\/p>\n<p>Dimensions de l&#8217;embarcation<br \/>\nLongueur hors tout : 106 pieds<br \/>\nLargeur : 23 pi 8 po<br \/>\nHauteur libre maximale sur le pont : 32 pi 3 po<br \/>\nTirant d&rsquo;eau maximum : 6 pi 7 po<br \/>\nVitesse<br \/>\nVitesse de croisi\u00e8re : 22 noeuds \u00e0 tr\/min<br \/>\nVitesse de coque : 26 kn \u00e0 tr\/min<br \/>\nRayon d&rsquo;action : 300 nmi<br \/>\nR\u00e9servoirs<br \/>\nCarburant : (4866 gal)<br \/>\nEau douce : (882 gal)<br \/>\nH\u00e9bergement<br \/>\nCabines invit\u00e9s : 5<br \/>\nCabines d&rsquo;\u00e9quipage : 4<br \/>\nToilettes invit\u00e9s : 5<br \/>\nCabines d&rsquo;\u00e9quipage : 4<br \/>\nAutre<br \/>\nPavillon d&rsquo;immatriculation : \u00celes Ca\u00efmans<\/p>\n<p>&nbsp;<\/p>\n<p>MOTEURS :<\/p>\n<p>MTU 16V 2000 M96L (moteur 1)<br \/>\nType de moteur : Inboard<br \/>\nType de carburant : Diesel<br \/>\nHeures de fonctionnement du moteur : 775<br \/>\nPuissance : 2638 hp<\/p>\n<p>MTU 16V 2000 M96L (moteur 2)<br \/>\nType de moteur : Inboard<br \/>\nType de carburant : Diesel<br \/>\nHeures de fonctionnement du moteur : 775<br \/>\nPuissance : 2638 hp<\/p>\n<p>&nbsp;<\/p>\n<div class=\"html-content-description\">\n<div class=\"content-box\">\n<div class=\"column-container cols-3\">\n<div class=\"column\">\n<div class=\"column-item\">\n<div class=\"content-box\">\n<div class=\"column-container cols-3\">\n<div class=\"column\">\n<div class=\"column-item\">\n<div><\/div>\n<div>\n<div class=\"tiled-gallery type-rectangular tiled-gallery-unresized\" data-original-width=\"700\" data-carousel-extra='{&quot;blog_id&quot;:1,&quot;permalink&quot;:&quot;https:\\\/\\\/itayachtscanada.com\\\/fr\\\/listing\\\/ferretti-custom-line-106-2022-10888888-usd-for-sale\\\/&quot;,&quot;likes_blog_id&quot;:198557287}' itemscope itemtype=\"http:\/\/schema.org\/ImageGallery\" > <div class=\"gallery-row\" style=\"width: 700px; height: 333px;\" data-original-width=\"700\" data-original-height=\"333\" > <div class=\"gallery-group images-1\" style=\"width: 487px; height: 333px;\" data-original-width=\"487\" data-original-height=\"333\" > <div class=\"tiled-gallery-item tiled-gallery-item-large\" itemprop=\"associatedMedia\" itemscope itemtype=\"http:\/\/schema.org\/ImageObject\"> <a href=\"https:\/\/itayachtscanada.com\/fr\/listing\/ferretti-custom-line-106-2022-10888888-usd-for-sale\/capture-decran-le-2025-02-05-a-11-50-53\/\" border=\"0\" itemprop=\"url\"> <meta itemprop=\"width\" content=\"483\"> <meta itemprop=\"height\" content=\"329\"> <img decoding=\"async\" class=\"\" data-attachment-id=\"203498\" data-orig-file=\"https:\/\/itayachtscanada.com\/wp-content\/uploads\/2025\/02\/Capture-decran-le-2025-02-05-a-11.50.53.jpg\" data-orig-size=\"1572,1070\" data-comments-opened=\"1\" data-image-meta=\"{&quot;aperture&quot;:&quot;0&quot;,&quot;credit&quot;:&quot;&quot;,&quot;camera&quot;:&quot;&quot;,&quot;caption&quot;:&quot;&quot;,&quot;created_timestamp&quot;:&quot;0&quot;,&quot;copyright&quot;:&quot;&quot;,&quot;focal_length&quot;:&quot;0&quot;,&quot;iso&quot;:&quot;0&quot;,&quot;shutter_speed&quot;:&quot;0&quot;,&quot;title&quot;:&quot;&quot;,&quot;orientation&quot;:&quot;0&quot;}\" data-image-title=\"Capture d\u2019e\u0301cran, le 2025-02-05 a\u0300 11.50.53\" data-image-description=\"\" data-medium-file=\"https:\/\/i0.wp.com\/itayachtscanada.com\/wp-content\/uploads\/2025\/02\/Capture-decran-le-2025-02-05-a-11.50.53.jpg?fit=300%2C204&#038;ssl=1\" data-large-file=\"https:\/\/i0.wp.com\/itayachtscanada.com\/wp-content\/uploads\/2025\/02\/Capture-decran-le-2025-02-05-a-11.50.53.jpg?fit=700%2C476&#038;ssl=1\" src=\"https:\/\/i0.wp.com\/itayachtscanada.com\/wp-content\/uploads\/2025\/02\/Capture-decran-le-2025-02-05-a-11.50.53.jpg?w=483&#038;h=329&#038;ssl=1\" srcset=\"https:\/\/i0.wp.com\/itayachtscanada.com\/wp-content\/uploads\/2025\/02\/Capture-decran-le-2025-02-05-a-11.50.53.jpg?w=1572&amp;ssl=1 1572w, https:\/\/i0.wp.com\/itayachtscanada.com\/wp-content\/uploads\/2025\/02\/Capture-decran-le-2025-02-05-a-11.50.53.jpg?resize=300%2C204&amp;ssl=1 300w, https:\/\/i0.wp.com\/itayachtscanada.com\/wp-content\/uploads\/2025\/02\/Capture-decran-le-2025-02-05-a-11.50.53.jpg?resize=1024%2C697&amp;ssl=1 1024w, https:\/\/i0.wp.com\/itayachtscanada.com\/wp-content\/uploads\/2025\/02\/Capture-decran-le-2025-02-05-a-11.50.53.jpg?resize=768%2C523&amp;ssl=1 768w, https:\/\/i0.wp.com\/itayachtscanada.com\/wp-content\/uploads\/2025\/02\/Capture-decran-le-2025-02-05-a-11.50.53.jpg?resize=1536%2C1045&amp;ssl=1 1536w, https:\/\/i0.wp.com\/itayachtscanada.com\/wp-content\/uploads\/2025\/02\/Capture-decran-le-2025-02-05-a-11.50.53.jpg?resize=700%2C476&amp;ssl=1 700w, https:\/\/i0.wp.com\/itayachtscanada.com\/wp-content\/uploads\/2025\/02\/Capture-decran-le-2025-02-05-a-11.50.53.jpg?resize=588%2C400&amp;ssl=1 588w, https:\/\/i0.wp.com\/itayachtscanada.com\/wp-content\/uploads\/2025\/02\/Capture-decran-le-2025-02-05-a-11.50.53.jpg?w=1400&amp;ssl=1 1400w\" width=\"483\" height=\"329\" loading=\"lazy\" data-original-width=\"483\" data-original-height=\"329\" itemprop=\"http:\/\/schema.org\/image\" title=\"Capture d\u2019e\u0301cran, le 2025-02-05 a\u0300 11.50.53\" alt=\"Capture d\u2019e\u0301cran, le 2025-02-05 a\u0300 11.50.53\" style=\"width: 483px; height: 329px;\" \/> <\/a> <\/div> <\/div> <!-- close group --> <div class=\"gallery-group images-2\" style=\"width: 213px; height: 333px;\" data-original-width=\"213\" data-original-height=\"333\" > <div class=\"tiled-gallery-item tiled-gallery-item-small\" itemprop=\"associatedMedia\" itemscope itemtype=\"http:\/\/schema.org\/ImageObject\"> <a href=\"https:\/\/itayachtscanada.com\/fr\/listing\/ferretti-custom-line-106-2022-10888888-usd-for-sale\/capture-decran-le-2025-02-05-a-11-50-45\/\" border=\"0\" itemprop=\"url\"> <meta itemprop=\"width\" content=\"209\"> <meta itemprop=\"height\" content=\"142\"> <img decoding=\"async\" class=\"\" data-attachment-id=\"203499\" data-orig-file=\"https:\/\/itayachtscanada.com\/wp-content\/uploads\/2025\/02\/Capture-decran-le-2025-02-05-a-11.50.45.jpg\" data-orig-size=\"1572,1070\" data-comments-opened=\"1\" data-image-meta=\"{&quot;aperture&quot;:&quot;0&quot;,&quot;credit&quot;:&quot;&quot;,&quot;camera&quot;:&quot;&quot;,&quot;caption&quot;:&quot;&quot;,&quot;created_timestamp&quot;:&quot;0&quot;,&quot;copyright&quot;:&quot;&quot;,&quot;focal_length&quot;:&quot;0&quot;,&quot;iso&quot;:&quot;0&quot;,&quot;shutter_speed&quot;:&quot;0&quot;,&quot;title&quot;:&quot;&quot;,&quot;orientation&quot;:&quot;0&quot;}\" data-image-title=\"Capture d\u2019e\u0301cran, le 2025-02-05 a\u0300 11.50.45\" data-image-description=\"\" data-medium-file=\"https:\/\/i0.wp.com\/itayachtscanada.com\/wp-content\/uploads\/2025\/02\/Capture-decran-le-2025-02-05-a-11.50.45.jpg?fit=300%2C204&#038;ssl=1\" data-large-file=\"https:\/\/i0.wp.com\/itayachtscanada.com\/wp-content\/uploads\/2025\/02\/Capture-decran-le-2025-02-05-a-11.50.45.jpg?fit=700%2C476&#038;ssl=1\" src=\"https:\/\/i0.wp.com\/itayachtscanada.com\/wp-content\/uploads\/2025\/02\/Capture-decran-le-2025-02-05-a-11.50.45.jpg?w=209&#038;h=142&#038;ssl=1\" srcset=\"https:\/\/i0.wp.com\/itayachtscanada.com\/wp-content\/uploads\/2025\/02\/Capture-decran-le-2025-02-05-a-11.50.45.jpg?w=1572&amp;ssl=1 1572w, https:\/\/i0.wp.com\/itayachtscanada.com\/wp-content\/uploads\/2025\/02\/Capture-decran-le-2025-02-05-a-11.50.45.jpg?resize=300%2C204&amp;ssl=1 300w, https:\/\/i0.wp.com\/itayachtscanada.com\/wp-content\/uploads\/2025\/02\/Capture-decran-le-2025-02-05-a-11.50.45.jpg?resize=1024%2C697&amp;ssl=1 1024w, https:\/\/i0.wp.com\/itayachtscanada.com\/wp-content\/uploads\/2025\/02\/Capture-decran-le-2025-02-05-a-11.50.45.jpg?resize=768%2C523&amp;ssl=1 768w, https:\/\/i0.wp.com\/itayachtscanada.com\/wp-content\/uploads\/2025\/02\/Capture-decran-le-2025-02-05-a-11.50.45.jpg?resize=1536%2C1045&amp;ssl=1 1536w, https:\/\/i0.wp.com\/itayachtscanada.com\/wp-content\/uploads\/2025\/02\/Capture-decran-le-2025-02-05-a-11.50.45.jpg?resize=700%2C476&amp;ssl=1 700w, https:\/\/i0.wp.com\/itayachtscanada.com\/wp-content\/uploads\/2025\/02\/Capture-decran-le-2025-02-05-a-11.50.45.jpg?resize=588%2C400&amp;ssl=1 588w, https:\/\/i0.wp.com\/itayachtscanada.com\/wp-content\/uploads\/2025\/02\/Capture-decran-le-2025-02-05-a-11.50.45.jpg?w=1400&amp;ssl=1 1400w\" width=\"209\" height=\"142\" loading=\"lazy\" data-original-width=\"209\" data-original-height=\"142\" itemprop=\"http:\/\/schema.org\/image\" title=\"Capture d\u2019e\u0301cran, le 2025-02-05 a\u0300 11.50.45\" alt=\"Capture d\u2019e\u0301cran, le 2025-02-05 a\u0300 11.50.45\" style=\"width: 209px; height: 142px;\" \/> <\/a> <\/div> <div class=\"tiled-gallery-item tiled-gallery-item-small\" itemprop=\"associatedMedia\" itemscope itemtype=\"http:\/\/schema.org\/ImageObject\"> <a href=\"https:\/\/itayachtscanada.com\/fr\/listing\/ferretti-custom-line-106-2022-10888888-usd-for-sale\/capture-decran-le-2025-02-05-a-11-50-37\/\" border=\"0\" itemprop=\"url\"> <meta itemprop=\"width\" content=\"209\"> <meta itemprop=\"height\" content=\"183\"> <img decoding=\"async\" class=\"\" data-attachment-id=\"203500\" data-orig-file=\"https:\/\/itayachtscanada.com\/wp-content\/uploads\/2025\/02\/Capture-decran-le-2025-02-05-a-11.50.37.jpg\" data-orig-size=\"1218,1070\" data-comments-opened=\"1\" data-image-meta=\"{&quot;aperture&quot;:&quot;0&quot;,&quot;credit&quot;:&quot;&quot;,&quot;camera&quot;:&quot;&quot;,&quot;caption&quot;:&quot;&quot;,&quot;created_timestamp&quot;:&quot;0&quot;,&quot;copyright&quot;:&quot;&quot;,&quot;focal_length&quot;:&quot;0&quot;,&quot;iso&quot;:&quot;0&quot;,&quot;shutter_speed&quot;:&quot;0&quot;,&quot;title&quot;:&quot;&quot;,&quot;orientation&quot;:&quot;0&quot;}\" data-image-title=\"Capture d\u2019e\u0301cran, le 2025-02-05 a\u0300 11.50.37\" data-image-description=\"\" data-medium-file=\"https:\/\/i0.wp.com\/itayachtscanada.com\/wp-content\/uploads\/2025\/02\/Capture-decran-le-2025-02-05-a-11.50.37.jpg?fit=300%2C264&#038;ssl=1\" data-large-file=\"https:\/\/i0.wp.com\/itayachtscanada.com\/wp-content\/uploads\/2025\/02\/Capture-decran-le-2025-02-05-a-11.50.37.jpg?fit=700%2C615&#038;ssl=1\" src=\"https:\/\/i0.wp.com\/itayachtscanada.com\/wp-content\/uploads\/2025\/02\/Capture-decran-le-2025-02-05-a-11.50.37.jpg?w=209&#038;h=183&#038;ssl=1\" srcset=\"https:\/\/i0.wp.com\/itayachtscanada.com\/wp-content\/uploads\/2025\/02\/Capture-decran-le-2025-02-05-a-11.50.37.jpg?w=1218&amp;ssl=1 1218w, https:\/\/i0.wp.com\/itayachtscanada.com\/wp-content\/uploads\/2025\/02\/Capture-decran-le-2025-02-05-a-11.50.37.jpg?resize=300%2C264&amp;ssl=1 300w, https:\/\/i0.wp.com\/itayachtscanada.com\/wp-content\/uploads\/2025\/02\/Capture-decran-le-2025-02-05-a-11.50.37.jpg?resize=1024%2C900&amp;ssl=1 1024w, https:\/\/i0.wp.com\/itayachtscanada.com\/wp-content\/uploads\/2025\/02\/Capture-decran-le-2025-02-05-a-11.50.37.jpg?resize=768%2C675&amp;ssl=1 768w, https:\/\/i0.wp.com\/itayachtscanada.com\/wp-content\/uploads\/2025\/02\/Capture-decran-le-2025-02-05-a-11.50.37.jpg?resize=700%2C615&amp;ssl=1 700w, https:\/\/i0.wp.com\/itayachtscanada.com\/wp-content\/uploads\/2025\/02\/Capture-decran-le-2025-02-05-a-11.50.37.jpg?resize=455%2C400&amp;ssl=1 455w\" width=\"209\" height=\"183\" loading=\"lazy\" data-original-width=\"209\" data-original-height=\"183\" itemprop=\"http:\/\/schema.org\/image\" title=\"Capture d\u2019e\u0301cran, le 2025-02-05 a\u0300 11.50.37\" alt=\"Capture d\u2019e\u0301cran, le 2025-02-05 a\u0300 11.50.37\" style=\"width: 209px; height: 183px;\" \/> <\/a> <\/div> <\/div> <!-- close group --> <\/div> <!-- close row --> <div class=\"gallery-row\" style=\"width: 700px; height: 156px;\" data-original-width=\"700\" data-original-height=\"156\" > <div class=\"gallery-group images-1\" style=\"width: 234px; height: 156px;\" data-original-width=\"234\" data-original-height=\"156\" > <div class=\"tiled-gallery-item tiled-gallery-item-small\" itemprop=\"associatedMedia\" itemscope itemtype=\"http:\/\/schema.org\/ImageObject\"> <a href=\"https:\/\/itayachtscanada.com\/fr\/listing\/ferretti-custom-line-106-2022-10888888-usd-for-sale\/capture-decran-le-2025-02-05-a-11-50-33\/\" border=\"0\" itemprop=\"url\"> <meta itemprop=\"width\" content=\"230\"> <meta itemprop=\"height\" content=\"152\"> <img decoding=\"async\" class=\"\" data-attachment-id=\"203501\" data-orig-file=\"https:\/\/itayachtscanada.com\/wp-content\/uploads\/2025\/02\/Capture-decran-le-2025-02-05-a-11.50.33.jpg\" data-orig-size=\"1614,1070\" data-comments-opened=\"1\" data-image-meta=\"{&quot;aperture&quot;:&quot;0&quot;,&quot;credit&quot;:&quot;&quot;,&quot;camera&quot;:&quot;&quot;,&quot;caption&quot;:&quot;&quot;,&quot;created_timestamp&quot;:&quot;0&quot;,&quot;copyright&quot;:&quot;&quot;,&quot;focal_length&quot;:&quot;0&quot;,&quot;iso&quot;:&quot;0&quot;,&quot;shutter_speed&quot;:&quot;0&quot;,&quot;title&quot;:&quot;&quot;,&quot;orientation&quot;:&quot;0&quot;}\" data-image-title=\"Capture d\u2019e\u0301cran, le 2025-02-05 a\u0300 11.50.33\" data-image-description=\"\" data-medium-file=\"https:\/\/i0.wp.com\/itayachtscanada.com\/wp-content\/uploads\/2025\/02\/Capture-decran-le-2025-02-05-a-11.50.33.jpg?fit=300%2C199&#038;ssl=1\" data-large-file=\"https:\/\/i0.wp.com\/itayachtscanada.com\/wp-content\/uploads\/2025\/02\/Capture-decran-le-2025-02-05-a-11.50.33.jpg?fit=700%2C464&#038;ssl=1\" src=\"https:\/\/i0.wp.com\/itayachtscanada.com\/wp-content\/uploads\/2025\/02\/Capture-decran-le-2025-02-05-a-11.50.33.jpg?w=230&#038;h=152&#038;ssl=1\" srcset=\"https:\/\/i0.wp.com\/itayachtscanada.com\/wp-content\/uploads\/2025\/02\/Capture-decran-le-2025-02-05-a-11.50.33.jpg?w=1614&amp;ssl=1 1614w, https:\/\/i0.wp.com\/itayachtscanada.com\/wp-content\/uploads\/2025\/02\/Capture-decran-le-2025-02-05-a-11.50.33.jpg?resize=300%2C199&amp;ssl=1 300w, https:\/\/i0.wp.com\/itayachtscanada.com\/wp-content\/uploads\/2025\/02\/Capture-decran-le-2025-02-05-a-11.50.33.jpg?resize=1024%2C679&amp;ssl=1 1024w, https:\/\/i0.wp.com\/itayachtscanada.com\/wp-content\/uploads\/2025\/02\/Capture-decran-le-2025-02-05-a-11.50.33.jpg?resize=768%2C509&amp;ssl=1 768w, https:\/\/i0.wp.com\/itayachtscanada.com\/wp-content\/uploads\/2025\/02\/Capture-decran-le-2025-02-05-a-11.50.33.jpg?resize=1536%2C1018&amp;ssl=1 1536w, https:\/\/i0.wp.com\/itayachtscanada.com\/wp-content\/uploads\/2025\/02\/Capture-decran-le-2025-02-05-a-11.50.33.jpg?resize=700%2C464&amp;ssl=1 700w, https:\/\/i0.wp.com\/itayachtscanada.com\/wp-content\/uploads\/2025\/02\/Capture-decran-le-2025-02-05-a-11.50.33.jpg?resize=900%2C600&amp;ssl=1 900w, https:\/\/i0.wp.com\/itayachtscanada.com\/wp-content\/uploads\/2025\/02\/Capture-decran-le-2025-02-05-a-11.50.33.jpg?resize=603%2C400&amp;ssl=1 603w, https:\/\/i0.wp.com\/itayachtscanada.com\/wp-content\/uploads\/2025\/02\/Capture-decran-le-2025-02-05-a-11.50.33.jpg?w=1400&amp;ssl=1 1400w\" width=\"230\" height=\"152\" loading=\"lazy\" data-original-width=\"230\" data-original-height=\"152\" itemprop=\"http:\/\/schema.org\/image\" title=\"Capture d\u2019e\u0301cran, le 2025-02-05 a\u0300 11.50.33\" alt=\"Capture d\u2019e\u0301cran, le 2025-02-05 a\u0300 11.50.33\" style=\"width: 230px; height: 152px;\" \/> <\/a> <\/div> <\/div> <!-- close group --> <div class=\"gallery-group images-1\" style=\"width: 233px; height: 156px;\" data-original-width=\"233\" data-original-height=\"156\" > <div class=\"tiled-gallery-item tiled-gallery-item-small\" itemprop=\"associatedMedia\" itemscope itemtype=\"http:\/\/schema.org\/ImageObject\"> <a href=\"https:\/\/itayachtscanada.com\/fr\/listing\/ferretti-custom-line-106-2022-10888888-usd-for-sale\/capture-decran-le-2025-02-05-a-11-50-29\/\" border=\"0\" itemprop=\"url\"> <meta itemprop=\"width\" content=\"229\"> <meta itemprop=\"height\" content=\"152\"> <img decoding=\"async\" class=\"\" data-attachment-id=\"203502\" data-orig-file=\"https:\/\/itayachtscanada.com\/wp-content\/uploads\/2025\/02\/Capture-decran-le-2025-02-05-a-11.50.29.jpg\" data-orig-size=\"1614,1070\" data-comments-opened=\"1\" data-image-meta=\"{&quot;aperture&quot;:&quot;0&quot;,&quot;credit&quot;:&quot;&quot;,&quot;camera&quot;:&quot;&quot;,&quot;caption&quot;:&quot;&quot;,&quot;created_timestamp&quot;:&quot;0&quot;,&quot;copyright&quot;:&quot;&quot;,&quot;focal_length&quot;:&quot;0&quot;,&quot;iso&quot;:&quot;0&quot;,&quot;shutter_speed&quot;:&quot;0&quot;,&quot;title&quot;:&quot;&quot;,&quot;orientation&quot;:&quot;0&quot;}\" data-image-title=\"Capture d\u2019e\u0301cran, le 2025-02-05 a\u0300 11.50.29\" data-image-description=\"\" data-medium-file=\"https:\/\/i0.wp.com\/itayachtscanada.com\/wp-content\/uploads\/2025\/02\/Capture-decran-le-2025-02-05-a-11.50.29.jpg?fit=300%2C199&#038;ssl=1\" data-large-file=\"https:\/\/i0.wp.com\/itayachtscanada.com\/wp-content\/uploads\/2025\/02\/Capture-decran-le-2025-02-05-a-11.50.29.jpg?fit=700%2C464&#038;ssl=1\" src=\"https:\/\/i0.wp.com\/itayachtscanada.com\/wp-content\/uploads\/2025\/02\/Capture-decran-le-2025-02-05-a-11.50.29.jpg?w=229&#038;h=152&#038;ssl=1\" srcset=\"https:\/\/i0.wp.com\/itayachtscanada.com\/wp-content\/uploads\/2025\/02\/Capture-decran-le-2025-02-05-a-11.50.29.jpg?w=1614&amp;ssl=1 1614w, https:\/\/i0.wp.com\/itayachtscanada.com\/wp-content\/uploads\/2025\/02\/Capture-decran-le-2025-02-05-a-11.50.29.jpg?resize=300%2C199&amp;ssl=1 300w, https:\/\/i0.wp.com\/itayachtscanada.com\/wp-content\/uploads\/2025\/02\/Capture-decran-le-2025-02-05-a-11.50.29.jpg?resize=1024%2C679&amp;ssl=1 1024w, https:\/\/i0.wp.com\/itayachtscanada.com\/wp-content\/uploads\/2025\/02\/Capture-decran-le-2025-02-05-a-11.50.29.jpg?resize=768%2C509&amp;ssl=1 768w, https:\/\/i0.wp.com\/itayachtscanada.com\/wp-content\/uploads\/2025\/02\/Capture-decran-le-2025-02-05-a-11.50.29.jpg?resize=1536%2C1018&amp;ssl=1 1536w, https:\/\/i0.wp.com\/itayachtscanada.com\/wp-content\/uploads\/2025\/02\/Capture-decran-le-2025-02-05-a-11.50.29.jpg?resize=700%2C464&amp;ssl=1 700w, https:\/\/i0.wp.com\/itayachtscanada.com\/wp-content\/uploads\/2025\/02\/Capture-decran-le-2025-02-05-a-11.50.29.jpg?resize=900%2C600&amp;ssl=1 900w, https:\/\/i0.wp.com\/itayachtscanada.com\/wp-content\/uploads\/2025\/02\/Capture-decran-le-2025-02-05-a-11.50.29.jpg?resize=603%2C400&amp;ssl=1 603w, https:\/\/i0.wp.com\/itayachtscanada.com\/wp-content\/uploads\/2025\/02\/Capture-decran-le-2025-02-05-a-11.50.29.jpg?w=1400&amp;ssl=1 1400w\" width=\"229\" height=\"152\" loading=\"lazy\" data-original-width=\"229\" data-original-height=\"152\" itemprop=\"http:\/\/schema.org\/image\" title=\"Capture d\u2019e\u0301cran, le 2025-02-05 a\u0300 11.50.29\" alt=\"Capture d\u2019e\u0301cran, le 2025-02-05 a\u0300 11.50.29\" style=\"width: 229px; height: 152px;\" \/> <\/a> <\/div> <\/div> <!-- close group --> <div class=\"gallery-group images-1\" style=\"width: 233px; height: 156px;\" data-original-width=\"233\" data-original-height=\"156\" > <div class=\"tiled-gallery-item tiled-gallery-item-small\" itemprop=\"associatedMedia\" itemscope itemtype=\"http:\/\/schema.org\/ImageObject\"> <a href=\"https:\/\/itayachtscanada.com\/fr\/listing\/ferretti-custom-line-106-2022-10888888-usd-for-sale\/capture-decran-le-2025-02-05-a-11-50-26\/\" border=\"0\" itemprop=\"url\"> <meta itemprop=\"width\" content=\"229\"> <meta itemprop=\"height\" content=\"152\"> <img decoding=\"async\" class=\"\" data-attachment-id=\"203503\" data-orig-file=\"https:\/\/itayachtscanada.com\/wp-content\/uploads\/2025\/02\/Capture-decran-le-2025-02-05-a-11.50.26.jpg\" data-orig-size=\"1614,1070\" data-comments-opened=\"1\" data-image-meta=\"{&quot;aperture&quot;:&quot;0&quot;,&quot;credit&quot;:&quot;&quot;,&quot;camera&quot;:&quot;&quot;,&quot;caption&quot;:&quot;&quot;,&quot;created_timestamp&quot;:&quot;0&quot;,&quot;copyright&quot;:&quot;&quot;,&quot;focal_length&quot;:&quot;0&quot;,&quot;iso&quot;:&quot;0&quot;,&quot;shutter_speed&quot;:&quot;0&quot;,&quot;title&quot;:&quot;&quot;,&quot;orientation&quot;:&quot;0&quot;}\" data-image-title=\"Capture d\u2019e\u0301cran, le 2025-02-05 a\u0300 11.50.26\" data-image-description=\"\" data-medium-file=\"https:\/\/i0.wp.com\/itayachtscanada.com\/wp-content\/uploads\/2025\/02\/Capture-decran-le-2025-02-05-a-11.50.26.jpg?fit=300%2C199&#038;ssl=1\" data-large-file=\"https:\/\/i0.wp.com\/itayachtscanada.com\/wp-content\/uploads\/2025\/02\/Capture-decran-le-2025-02-05-a-11.50.26.jpg?fit=700%2C464&#038;ssl=1\" src=\"https:\/\/i0.wp.com\/itayachtscanada.com\/wp-content\/uploads\/2025\/02\/Capture-decran-le-2025-02-05-a-11.50.26.jpg?w=229&#038;h=152&#038;ssl=1\" srcset=\"https:\/\/i0.wp.com\/itayachtscanada.com\/wp-content\/uploads\/2025\/02\/Capture-decran-le-2025-02-05-a-11.50.26.jpg?w=1614&amp;ssl=1 1614w, https:\/\/i0.wp.com\/itayachtscanada.com\/wp-content\/uploads\/2025\/02\/Capture-decran-le-2025-02-05-a-11.50.26.jpg?resize=300%2C199&amp;ssl=1 300w, https:\/\/i0.wp.com\/itayachtscanada.com\/wp-content\/uploads\/2025\/02\/Capture-decran-le-2025-02-05-a-11.50.26.jpg?resize=1024%2C679&amp;ssl=1 1024w, https:\/\/i0.wp.com\/itayachtscanada.com\/wp-content\/uploads\/2025\/02\/Capture-decran-le-2025-02-05-a-11.50.26.jpg?resize=768%2C509&amp;ssl=1 768w, https:\/\/i0.wp.com\/itayachtscanada.com\/wp-content\/uploads\/2025\/02\/Capture-decran-le-2025-02-05-a-11.50.26.jpg?resize=1536%2C1018&amp;ssl=1 1536w, https:\/\/i0.wp.com\/itayachtscanada.com\/wp-content\/uploads\/2025\/02\/Capture-decran-le-2025-02-05-a-11.50.26.jpg?resize=700%2C464&amp;ssl=1 700w, https:\/\/i0.wp.com\/itayachtscanada.com\/wp-content\/uploads\/2025\/02\/Capture-decran-le-2025-02-05-a-11.50.26.jpg?resize=900%2C600&amp;ssl=1 900w, https:\/\/i0.wp.com\/itayachtscanada.com\/wp-content\/uploads\/2025\/02\/Capture-decran-le-2025-02-05-a-11.50.26.jpg?resize=603%2C400&amp;ssl=1 603w, https:\/\/i0.wp.com\/itayachtscanada.com\/wp-content\/uploads\/2025\/02\/Capture-decran-le-2025-02-05-a-11.50.26.jpg?w=1400&amp;ssl=1 1400w\" width=\"229\" height=\"152\" loading=\"lazy\" data-original-width=\"229\" data-original-height=\"152\" itemprop=\"http:\/\/schema.org\/image\" title=\"Capture d\u2019e\u0301cran, le 2025-02-05 a\u0300 11.50.26\" alt=\"Capture d\u2019e\u0301cran, le 2025-02-05 a\u0300 11.50.26\" style=\"width: 229px; height: 152px;\" \/> <\/a> <\/div> <\/div> <!-- close group --> <\/div> <!-- close row --> <div class=\"gallery-row\" style=\"width: 700px; height: 311px;\" data-original-width=\"700\" data-original-height=\"311\" > <div class=\"gallery-group images-2\" style=\"width: 233px; height: 311px;\" data-original-width=\"233\" data-original-height=\"311\" > <div class=\"tiled-gallery-item tiled-gallery-item-small\" itemprop=\"associatedMedia\" itemscope itemtype=\"http:\/\/schema.org\/ImageObject\"> <a href=\"https:\/\/itayachtscanada.com\/fr\/listing\/ferretti-custom-line-106-2022-10888888-usd-for-sale\/capture-decran-le-2025-02-05-a-11-50-08\/\" border=\"0\" itemprop=\"url\"> <meta itemprop=\"width\" content=\"229\"> <meta itemprop=\"height\" content=\"152\"> <img decoding=\"async\" class=\"\" data-attachment-id=\"203508\" data-orig-file=\"https:\/\/itayachtscanada.com\/wp-content\/uploads\/2025\/02\/Capture-decran-le-2025-02-05-a-11.50.08.jpg\" data-orig-size=\"1614,1070\" data-comments-opened=\"1\" data-image-meta=\"{&quot;aperture&quot;:&quot;0&quot;,&quot;credit&quot;:&quot;&quot;,&quot;camera&quot;:&quot;&quot;,&quot;caption&quot;:&quot;&quot;,&quot;created_timestamp&quot;:&quot;0&quot;,&quot;copyright&quot;:&quot;&quot;,&quot;focal_length&quot;:&quot;0&quot;,&quot;iso&quot;:&quot;0&quot;,&quot;shutter_speed&quot;:&quot;0&quot;,&quot;title&quot;:&quot;&quot;,&quot;orientation&quot;:&quot;0&quot;}\" data-image-title=\"Capture d\u2019e\u0301cran, le 2025-02-05 a\u0300 11.50.08\" data-image-description=\"\" data-medium-file=\"https:\/\/i0.wp.com\/itayachtscanada.com\/wp-content\/uploads\/2025\/02\/Capture-decran-le-2025-02-05-a-11.50.08.jpg?fit=300%2C199&#038;ssl=1\" data-large-file=\"https:\/\/i0.wp.com\/itayachtscanada.com\/wp-content\/uploads\/2025\/02\/Capture-decran-le-2025-02-05-a-11.50.08.jpg?fit=700%2C464&#038;ssl=1\" src=\"https:\/\/i0.wp.com\/itayachtscanada.com\/wp-content\/uploads\/2025\/02\/Capture-decran-le-2025-02-05-a-11.50.08.jpg?w=229&#038;h=152&#038;ssl=1\" srcset=\"https:\/\/i0.wp.com\/itayachtscanada.com\/wp-content\/uploads\/2025\/02\/Capture-decran-le-2025-02-05-a-11.50.08.jpg?w=1614&amp;ssl=1 1614w, https:\/\/i0.wp.com\/itayachtscanada.com\/wp-content\/uploads\/2025\/02\/Capture-decran-le-2025-02-05-a-11.50.08.jpg?resize=300%2C199&amp;ssl=1 300w, https:\/\/i0.wp.com\/itayachtscanada.com\/wp-content\/uploads\/2025\/02\/Capture-decran-le-2025-02-05-a-11.50.08.jpg?resize=1024%2C679&amp;ssl=1 1024w, https:\/\/i0.wp.com\/itayachtscanada.com\/wp-content\/uploads\/2025\/02\/Capture-decran-le-2025-02-05-a-11.50.08.jpg?resize=768%2C509&amp;ssl=1 768w, https:\/\/i0.wp.com\/itayachtscanada.com\/wp-content\/uploads\/2025\/02\/Capture-decran-le-2025-02-05-a-11.50.08.jpg?resize=1536%2C1018&amp;ssl=1 1536w, https:\/\/i0.wp.com\/itayachtscanada.com\/wp-content\/uploads\/2025\/02\/Capture-decran-le-2025-02-05-a-11.50.08.jpg?resize=700%2C464&amp;ssl=1 700w, https:\/\/i0.wp.com\/itayachtscanada.com\/wp-content\/uploads\/2025\/02\/Capture-decran-le-2025-02-05-a-11.50.08.jpg?resize=900%2C600&amp;ssl=1 900w, https:\/\/i0.wp.com\/itayachtscanada.com\/wp-content\/uploads\/2025\/02\/Capture-decran-le-2025-02-05-a-11.50.08.jpg?resize=603%2C400&amp;ssl=1 603w, https:\/\/i0.wp.com\/itayachtscanada.com\/wp-content\/uploads\/2025\/02\/Capture-decran-le-2025-02-05-a-11.50.08.jpg?w=1400&amp;ssl=1 1400w\" width=\"229\" height=\"152\" loading=\"lazy\" data-original-width=\"229\" data-original-height=\"152\" itemprop=\"http:\/\/schema.org\/image\" title=\"Capture d\u2019e\u0301cran, le 2025-02-05 a\u0300 11.50.08\" alt=\"Capture d\u2019e\u0301cran, le 2025-02-05 a\u0300 11.50.08\" style=\"width: 229px; height: 152px;\" \/> <\/a> <\/div> <div class=\"tiled-gallery-item tiled-gallery-item-small\" itemprop=\"associatedMedia\" itemscope itemtype=\"http:\/\/schema.org\/ImageObject\"> <a href=\"https:\/\/itayachtscanada.com\/fr\/listing\/ferretti-custom-line-106-2022-10888888-usd-for-sale\/capture-decran-le-2025-02-05-a-11-49-54\/\" border=\"0\" itemprop=\"url\"> <meta itemprop=\"width\" content=\"229\"> <meta itemprop=\"height\" content=\"151\"> <img decoding=\"async\" class=\"\" data-attachment-id=\"203512\" data-orig-file=\"https:\/\/itayachtscanada.com\/wp-content\/uploads\/2025\/02\/Capture-decran-le-2025-02-05-a-11.49.54.jpg\" data-orig-size=\"1614,1070\" data-comments-opened=\"1\" data-image-meta=\"{&quot;aperture&quot;:&quot;0&quot;,&quot;credit&quot;:&quot;&quot;,&quot;camera&quot;:&quot;&quot;,&quot;caption&quot;:&quot;&quot;,&quot;created_timestamp&quot;:&quot;0&quot;,&quot;copyright&quot;:&quot;&quot;,&quot;focal_length&quot;:&quot;0&quot;,&quot;iso&quot;:&quot;0&quot;,&quot;shutter_speed&quot;:&quot;0&quot;,&quot;title&quot;:&quot;&quot;,&quot;orientation&quot;:&quot;0&quot;}\" data-image-title=\"Capture d\u2019e\u0301cran, le 2025-02-05 a\u0300 11.49.54\" data-image-description=\"\" data-medium-file=\"https:\/\/i0.wp.com\/itayachtscanada.com\/wp-content\/uploads\/2025\/02\/Capture-decran-le-2025-02-05-a-11.49.54.jpg?fit=300%2C199&#038;ssl=1\" data-large-file=\"https:\/\/i0.wp.com\/itayachtscanada.com\/wp-content\/uploads\/2025\/02\/Capture-decran-le-2025-02-05-a-11.49.54.jpg?fit=700%2C464&#038;ssl=1\" src=\"https:\/\/i0.wp.com\/itayachtscanada.com\/wp-content\/uploads\/2025\/02\/Capture-decran-le-2025-02-05-a-11.49.54.jpg?w=229&#038;h=151&#038;ssl=1\" srcset=\"https:\/\/i0.wp.com\/itayachtscanada.com\/wp-content\/uploads\/2025\/02\/Capture-decran-le-2025-02-05-a-11.49.54.jpg?w=1614&amp;ssl=1 1614w, https:\/\/i0.wp.com\/itayachtscanada.com\/wp-content\/uploads\/2025\/02\/Capture-decran-le-2025-02-05-a-11.49.54.jpg?resize=300%2C199&amp;ssl=1 300w, https:\/\/i0.wp.com\/itayachtscanada.com\/wp-content\/uploads\/2025\/02\/Capture-decran-le-2025-02-05-a-11.49.54.jpg?resize=1024%2C679&amp;ssl=1 1024w, https:\/\/i0.wp.com\/itayachtscanada.com\/wp-content\/uploads\/2025\/02\/Capture-decran-le-2025-02-05-a-11.49.54.jpg?resize=768%2C509&amp;ssl=1 768w, https:\/\/i0.wp.com\/itayachtscanada.com\/wp-content\/uploads\/2025\/02\/Capture-decran-le-2025-02-05-a-11.49.54.jpg?resize=1536%2C1018&amp;ssl=1 1536w, https:\/\/i0.wp.com\/itayachtscanada.com\/wp-content\/uploads\/2025\/02\/Capture-decran-le-2025-02-05-a-11.49.54.jpg?resize=700%2C464&amp;ssl=1 700w, https:\/\/i0.wp.com\/itayachtscanada.com\/wp-content\/uploads\/2025\/02\/Capture-decran-le-2025-02-05-a-11.49.54.jpg?resize=603%2C400&amp;ssl=1 603w, https:\/\/i0.wp.com\/itayachtscanada.com\/wp-content\/uploads\/2025\/02\/Capture-decran-le-2025-02-05-a-11.49.54.jpg?w=1400&amp;ssl=1 1400w\" width=\"229\" height=\"151\" loading=\"lazy\" data-original-width=\"229\" data-original-height=\"151\" itemprop=\"http:\/\/schema.org\/image\" title=\"Capture d\u2019e\u0301cran, le 2025-02-05 a\u0300 11.49.54\" alt=\"Capture d\u2019e\u0301cran, le 2025-02-05 a\u0300 11.49.54\" style=\"width: 229px; height: 151px;\" \/> <\/a> <\/div> <\/div> <!-- close group --> <div class=\"gallery-group images-1\" style=\"width: 467px; height: 311px;\" data-original-width=\"467\" data-original-height=\"311\" > <div class=\"tiled-gallery-item tiled-gallery-item-large\" itemprop=\"associatedMedia\" itemscope itemtype=\"http:\/\/schema.org\/ImageObject\"> <a href=\"https:\/\/itayachtscanada.com\/fr\/listing\/ferretti-custom-line-106-2022-10888888-usd-for-sale\/capture-decran-le-2025-02-05-a-11-50-22\/\" border=\"0\" itemprop=\"url\"> <meta itemprop=\"width\" content=\"463\"> <meta itemprop=\"height\" content=\"307\"> <img decoding=\"async\" class=\"\" data-attachment-id=\"203504\" data-orig-file=\"https:\/\/itayachtscanada.com\/wp-content\/uploads\/2025\/02\/Capture-decran-le-2025-02-05-a-11.50.22.jpg\" data-orig-size=\"1614,1070\" data-comments-opened=\"1\" data-image-meta=\"{&quot;aperture&quot;:&quot;0&quot;,&quot;credit&quot;:&quot;&quot;,&quot;camera&quot;:&quot;&quot;,&quot;caption&quot;:&quot;&quot;,&quot;created_timestamp&quot;:&quot;0&quot;,&quot;copyright&quot;:&quot;&quot;,&quot;focal_length&quot;:&quot;0&quot;,&quot;iso&quot;:&quot;0&quot;,&quot;shutter_speed&quot;:&quot;0&quot;,&quot;title&quot;:&quot;&quot;,&quot;orientation&quot;:&quot;0&quot;}\" data-image-title=\"Capture d\u2019e\u0301cran, le 2025-02-05 a\u0300 11.50.22\" data-image-description=\"\" data-medium-file=\"https:\/\/i0.wp.com\/itayachtscanada.com\/wp-content\/uploads\/2025\/02\/Capture-decran-le-2025-02-05-a-11.50.22.jpg?fit=300%2C199&#038;ssl=1\" data-large-file=\"https:\/\/i0.wp.com\/itayachtscanada.com\/wp-content\/uploads\/2025\/02\/Capture-decran-le-2025-02-05-a-11.50.22.jpg?fit=700%2C464&#038;ssl=1\" src=\"https:\/\/i0.wp.com\/itayachtscanada.com\/wp-content\/uploads\/2025\/02\/Capture-decran-le-2025-02-05-a-11.50.22.jpg?w=463&#038;h=307&#038;ssl=1\" srcset=\"https:\/\/i0.wp.com\/itayachtscanada.com\/wp-content\/uploads\/2025\/02\/Capture-decran-le-2025-02-05-a-11.50.22.jpg?w=1614&amp;ssl=1 1614w, https:\/\/i0.wp.com\/itayachtscanada.com\/wp-content\/uploads\/2025\/02\/Capture-decran-le-2025-02-05-a-11.50.22.jpg?resize=300%2C199&amp;ssl=1 300w, https:\/\/i0.wp.com\/itayachtscanada.com\/wp-content\/uploads\/2025\/02\/Capture-decran-le-2025-02-05-a-11.50.22.jpg?resize=1024%2C679&amp;ssl=1 1024w, https:\/\/i0.wp.com\/itayachtscanada.com\/wp-content\/uploads\/2025\/02\/Capture-decran-le-2025-02-05-a-11.50.22.jpg?resize=768%2C509&amp;ssl=1 768w, https:\/\/i0.wp.com\/itayachtscanada.com\/wp-content\/uploads\/2025\/02\/Capture-decran-le-2025-02-05-a-11.50.22.jpg?resize=1536%2C1018&amp;ssl=1 1536w, https:\/\/i0.wp.com\/itayachtscanada.com\/wp-content\/uploads\/2025\/02\/Capture-decran-le-2025-02-05-a-11.50.22.jpg?resize=700%2C464&amp;ssl=1 700w, https:\/\/i0.wp.com\/itayachtscanada.com\/wp-content\/uploads\/2025\/02\/Capture-decran-le-2025-02-05-a-11.50.22.jpg?resize=603%2C400&amp;ssl=1 603w, https:\/\/i0.wp.com\/itayachtscanada.com\/wp-content\/uploads\/2025\/02\/Capture-decran-le-2025-02-05-a-11.50.22.jpg?w=1400&amp;ssl=1 1400w\" width=\"463\" height=\"307\" loading=\"lazy\" data-original-width=\"463\" data-original-height=\"307\" itemprop=\"http:\/\/schema.org\/image\" title=\"Capture d\u2019e\u0301cran, le 2025-02-05 a\u0300 11.50.22\" alt=\"Capture d\u2019e\u0301cran, le 2025-02-05 a\u0300 11.50.22\" style=\"width: 463px; height: 307px;\" \/> <\/a> <\/div> <\/div> <!-- close group --> <\/div> <!-- close row --> <div class=\"gallery-row\" style=\"width: 700px; height: 233px;\" data-original-width=\"700\" data-original-height=\"233\" > <div class=\"gallery-group images-1\" style=\"width: 350px; height: 233px;\" data-original-width=\"350\" data-original-height=\"233\" > <div class=\"tiled-gallery-item tiled-gallery-item-large\" itemprop=\"associatedMedia\" itemscope itemtype=\"http:\/\/schema.org\/ImageObject\"> <a href=\"https:\/\/itayachtscanada.com\/fr\/listing\/ferretti-custom-line-106-2022-10888888-usd-for-sale\/capture-decran-le-2025-02-05-a-11-50-00\/\" border=\"0\" itemprop=\"url\"> <meta itemprop=\"width\" content=\"346\"> <meta itemprop=\"height\" content=\"229\"> <img decoding=\"async\" class=\"\" data-attachment-id=\"203510\" data-orig-file=\"https:\/\/itayachtscanada.com\/wp-content\/uploads\/2025\/02\/Capture-decran-le-2025-02-05-a-11.50.00.jpg\" data-orig-size=\"1614,1070\" data-comments-opened=\"1\" data-image-meta=\"{&quot;aperture&quot;:&quot;0&quot;,&quot;credit&quot;:&quot;&quot;,&quot;camera&quot;:&quot;&quot;,&quot;caption&quot;:&quot;&quot;,&quot;created_timestamp&quot;:&quot;0&quot;,&quot;copyright&quot;:&quot;&quot;,&quot;focal_length&quot;:&quot;0&quot;,&quot;iso&quot;:&quot;0&quot;,&quot;shutter_speed&quot;:&quot;0&quot;,&quot;title&quot;:&quot;&quot;,&quot;orientation&quot;:&quot;0&quot;}\" data-image-title=\"Capture d\u2019e\u0301cran, le 2025-02-05 a\u0300 11.50.00\" data-image-description=\"\" data-medium-file=\"https:\/\/i0.wp.com\/itayachtscanada.com\/wp-content\/uploads\/2025\/02\/Capture-decran-le-2025-02-05-a-11.50.00.jpg?fit=300%2C199&#038;ssl=1\" data-large-file=\"https:\/\/i0.wp.com\/itayachtscanada.com\/wp-content\/uploads\/2025\/02\/Capture-decran-le-2025-02-05-a-11.50.00.jpg?fit=700%2C464&#038;ssl=1\" src=\"https:\/\/i0.wp.com\/itayachtscanada.com\/wp-content\/uploads\/2025\/02\/Capture-decran-le-2025-02-05-a-11.50.00.jpg?w=346&#038;h=229&#038;ssl=1\" srcset=\"https:\/\/i0.wp.com\/itayachtscanada.com\/wp-content\/uploads\/2025\/02\/Capture-decran-le-2025-02-05-a-11.50.00.jpg?w=1614&amp;ssl=1 1614w, https:\/\/i0.wp.com\/itayachtscanada.com\/wp-content\/uploads\/2025\/02\/Capture-decran-le-2025-02-05-a-11.50.00.jpg?resize=300%2C199&amp;ssl=1 300w, https:\/\/i0.wp.com\/itayachtscanada.com\/wp-content\/uploads\/2025\/02\/Capture-decran-le-2025-02-05-a-11.50.00.jpg?resize=1024%2C679&amp;ssl=1 1024w, https:\/\/i0.wp.com\/itayachtscanada.com\/wp-content\/uploads\/2025\/02\/Capture-decran-le-2025-02-05-a-11.50.00.jpg?resize=768%2C509&amp;ssl=1 768w, https:\/\/i0.wp.com\/itayachtscanada.com\/wp-content\/uploads\/2025\/02\/Capture-decran-le-2025-02-05-a-11.50.00.jpg?resize=1536%2C1018&amp;ssl=1 1536w, https:\/\/i0.wp.com\/itayachtscanada.com\/wp-content\/uploads\/2025\/02\/Capture-decran-le-2025-02-05-a-11.50.00.jpg?resize=700%2C464&amp;ssl=1 700w, https:\/\/i0.wp.com\/itayachtscanada.com\/wp-content\/uploads\/2025\/02\/Capture-decran-le-2025-02-05-a-11.50.00.jpg?resize=603%2C400&amp;ssl=1 603w, https:\/\/i0.wp.com\/itayachtscanada.com\/wp-content\/uploads\/2025\/02\/Capture-decran-le-2025-02-05-a-11.50.00.jpg?w=1400&amp;ssl=1 1400w\" width=\"346\" height=\"229\" loading=\"lazy\" data-original-width=\"346\" data-original-height=\"229\" itemprop=\"http:\/\/schema.org\/image\" title=\"Capture d\u2019e\u0301cran, le 2025-02-05 a\u0300 11.50.00\" alt=\"Capture d\u2019e\u0301cran, le 2025-02-05 a\u0300 11.50.00\" style=\"width: 346px; height: 229px;\" \/> <\/a> <\/div> <\/div> <!-- close group --> <div class=\"gallery-group images-1\" style=\"width: 350px; height: 233px;\" data-original-width=\"350\" data-original-height=\"233\" > <div class=\"tiled-gallery-item tiled-gallery-item-large\" itemprop=\"associatedMedia\" itemscope itemtype=\"http:\/\/schema.org\/ImageObject\"> <a href=\"https:\/\/itayachtscanada.com\/fr\/listing\/ferretti-custom-line-106-2022-10888888-usd-for-sale\/capture-decran-le-2025-02-05-a-11-50-11\/\" border=\"0\" itemprop=\"url\"> <meta itemprop=\"width\" content=\"346\"> <meta itemprop=\"height\" content=\"229\"> <img decoding=\"async\" class=\"\" data-attachment-id=\"203507\" data-orig-file=\"https:\/\/itayachtscanada.com\/wp-content\/uploads\/2025\/02\/Capture-decran-le-2025-02-05-a-11.50.11.jpg\" data-orig-size=\"1614,1070\" data-comments-opened=\"1\" data-image-meta=\"{&quot;aperture&quot;:&quot;0&quot;,&quot;credit&quot;:&quot;&quot;,&quot;camera&quot;:&quot;&quot;,&quot;caption&quot;:&quot;&quot;,&quot;created_timestamp&quot;:&quot;0&quot;,&quot;copyright&quot;:&quot;&quot;,&quot;focal_length&quot;:&quot;0&quot;,&quot;iso&quot;:&quot;0&quot;,&quot;shutter_speed&quot;:&quot;0&quot;,&quot;title&quot;:&quot;&quot;,&quot;orientation&quot;:&quot;0&quot;}\" data-image-title=\"Capture d\u2019e\u0301cran, le 2025-02-05 a\u0300 11.50.11\" data-image-description=\"\" data-medium-file=\"https:\/\/i0.wp.com\/itayachtscanada.com\/wp-content\/uploads\/2025\/02\/Capture-decran-le-2025-02-05-a-11.50.11.jpg?fit=300%2C199&#038;ssl=1\" data-large-file=\"https:\/\/i0.wp.com\/itayachtscanada.com\/wp-content\/uploads\/2025\/02\/Capture-decran-le-2025-02-05-a-11.50.11.jpg?fit=700%2C464&#038;ssl=1\" src=\"https:\/\/i0.wp.com\/itayachtscanada.com\/wp-content\/uploads\/2025\/02\/Capture-decran-le-2025-02-05-a-11.50.11.jpg?w=346&#038;h=229&#038;ssl=1\" srcset=\"https:\/\/i0.wp.com\/itayachtscanada.com\/wp-content\/uploads\/2025\/02\/Capture-decran-le-2025-02-05-a-11.50.11.jpg?w=1614&amp;ssl=1 1614w, https:\/\/i0.wp.com\/itayachtscanada.com\/wp-content\/uploads\/2025\/02\/Capture-decran-le-2025-02-05-a-11.50.11.jpg?resize=300%2C199&amp;ssl=1 300w, https:\/\/i0.wp.com\/itayachtscanada.com\/wp-content\/uploads\/2025\/02\/Capture-decran-le-2025-02-05-a-11.50.11.jpg?resize=1024%2C679&amp;ssl=1 1024w, https:\/\/i0.wp.com\/itayachtscanada.com\/wp-content\/uploads\/2025\/02\/Capture-decran-le-2025-02-05-a-11.50.11.jpg?resize=768%2C509&amp;ssl=1 768w, https:\/\/i0.wp.com\/itayachtscanada.com\/wp-content\/uploads\/2025\/02\/Capture-decran-le-2025-02-05-a-11.50.11.jpg?resize=1536%2C1018&amp;ssl=1 1536w, https:\/\/i0.wp.com\/itayachtscanada.com\/wp-content\/uploads\/2025\/02\/Capture-decran-le-2025-02-05-a-11.50.11.jpg?resize=700%2C464&amp;ssl=1 700w, https:\/\/i0.wp.com\/itayachtscanada.com\/wp-content\/uploads\/2025\/02\/Capture-decran-le-2025-02-05-a-11.50.11.jpg?resize=603%2C400&amp;ssl=1 603w, https:\/\/i0.wp.com\/itayachtscanada.com\/wp-content\/uploads\/2025\/02\/Capture-decran-le-2025-02-05-a-11.50.11.jpg?w=1400&amp;ssl=1 1400w\" width=\"346\" height=\"229\" loading=\"lazy\" data-original-width=\"346\" data-original-height=\"229\" itemprop=\"http:\/\/schema.org\/image\" title=\"Capture d\u2019e\u0301cran, le 2025-02-05 a\u0300 11.50.11\" alt=\"Capture d\u2019e\u0301cran, le 2025-02-05 a\u0300 11.50.11\" style=\"width: 346px; height: 229px;\" \/> <\/a> <\/div> <\/div> <!-- close group --> <\/div> <!-- close row --> <div class=\"gallery-row\" style=\"width: 700px; height: 311px;\" data-original-width=\"700\" data-original-height=\"311\" > <div class=\"gallery-group images-1\" style=\"width: 467px; height: 311px;\" data-original-width=\"467\" data-original-height=\"311\" > <div class=\"tiled-gallery-item tiled-gallery-item-large\" itemprop=\"associatedMedia\" itemscope itemtype=\"http:\/\/schema.org\/ImageObject\"> <a href=\"https:\/\/itayachtscanada.com\/fr\/listing\/ferretti-custom-line-106-2022-10888888-usd-for-sale\/capture-decran-le-2025-02-05-a-11-49-48\/\" border=\"0\" itemprop=\"url\"> <meta itemprop=\"width\" content=\"463\"> <meta itemprop=\"height\" content=\"307\"> <img decoding=\"async\" class=\"\" data-attachment-id=\"203514\" data-orig-file=\"https:\/\/itayachtscanada.com\/wp-content\/uploads\/2025\/02\/Capture-decran-le-2025-02-05-a-11.49.48.jpg\" data-orig-size=\"1614,1070\" data-comments-opened=\"1\" data-image-meta=\"{&quot;aperture&quot;:&quot;0&quot;,&quot;credit&quot;:&quot;&quot;,&quot;camera&quot;:&quot;&quot;,&quot;caption&quot;:&quot;&quot;,&quot;created_timestamp&quot;:&quot;0&quot;,&quot;copyright&quot;:&quot;&quot;,&quot;focal_length&quot;:&quot;0&quot;,&quot;iso&quot;:&quot;0&quot;,&quot;shutter_speed&quot;:&quot;0&quot;,&quot;title&quot;:&quot;&quot;,&quot;orientation&quot;:&quot;0&quot;}\" data-image-title=\"Capture d\u2019e\u0301cran, le 2025-02-05 a\u0300 11.49.48\" data-image-description=\"\" data-medium-file=\"https:\/\/i0.wp.com\/itayachtscanada.com\/wp-content\/uploads\/2025\/02\/Capture-decran-le-2025-02-05-a-11.49.48.jpg?fit=300%2C199&#038;ssl=1\" data-large-file=\"https:\/\/i0.wp.com\/itayachtscanada.com\/wp-content\/uploads\/2025\/02\/Capture-decran-le-2025-02-05-a-11.49.48.jpg?fit=700%2C464&#038;ssl=1\" src=\"https:\/\/i0.wp.com\/itayachtscanada.com\/wp-content\/uploads\/2025\/02\/Capture-decran-le-2025-02-05-a-11.49.48.jpg?w=463&#038;h=307&#038;ssl=1\" srcset=\"https:\/\/i0.wp.com\/itayachtscanada.com\/wp-content\/uploads\/2025\/02\/Capture-decran-le-2025-02-05-a-11.49.48.jpg?w=1614&amp;ssl=1 1614w, https:\/\/i0.wp.com\/itayachtscanada.com\/wp-content\/uploads\/2025\/02\/Capture-decran-le-2025-02-05-a-11.49.48.jpg?resize=300%2C199&amp;ssl=1 300w, https:\/\/i0.wp.com\/itayachtscanada.com\/wp-content\/uploads\/2025\/02\/Capture-decran-le-2025-02-05-a-11.49.48.jpg?resize=1024%2C679&amp;ssl=1 1024w, https:\/\/i0.wp.com\/itayachtscanada.com\/wp-content\/uploads\/2025\/02\/Capture-decran-le-2025-02-05-a-11.49.48.jpg?resize=768%2C509&amp;ssl=1 768w, https:\/\/i0.wp.com\/itayachtscanada.com\/wp-content\/uploads\/2025\/02\/Capture-decran-le-2025-02-05-a-11.49.48.jpg?resize=1536%2C1018&amp;ssl=1 1536w, https:\/\/i0.wp.com\/itayachtscanada.com\/wp-content\/uploads\/2025\/02\/Capture-decran-le-2025-02-05-a-11.49.48.jpg?resize=700%2C464&amp;ssl=1 700w, https:\/\/i0.wp.com\/itayachtscanada.com\/wp-content\/uploads\/2025\/02\/Capture-decran-le-2025-02-05-a-11.49.48.jpg?resize=603%2C400&amp;ssl=1 603w, https:\/\/i0.wp.com\/itayachtscanada.com\/wp-content\/uploads\/2025\/02\/Capture-decran-le-2025-02-05-a-11.49.48.jpg?w=1400&amp;ssl=1 1400w\" width=\"463\" height=\"307\" loading=\"lazy\" data-original-width=\"463\" data-original-height=\"307\" itemprop=\"http:\/\/schema.org\/image\" title=\"Capture d\u2019e\u0301cran, le 2025-02-05 a\u0300 11.49.48\" alt=\"Capture d\u2019e\u0301cran, le 2025-02-05 a\u0300 11.49.48\" style=\"width: 463px; height: 307px;\" \/> <\/a> <\/div> <\/div> <!-- close group --> <div class=\"gallery-group images-2\" style=\"width: 233px; height: 311px;\" data-original-width=\"233\" data-original-height=\"311\" > <div class=\"tiled-gallery-item tiled-gallery-item-small\" itemprop=\"associatedMedia\" itemscope itemtype=\"http:\/\/schema.org\/ImageObject\"> <a href=\"https:\/\/itayachtscanada.com\/fr\/listing\/ferretti-custom-line-106-2022-10888888-usd-for-sale\/capture-decran-le-2025-02-05-a-11-49-45\/\" border=\"0\" itemprop=\"url\"> <meta itemprop=\"width\" content=\"229\"> <meta itemprop=\"height\" content=\"152\"> <img decoding=\"async\" class=\"\" data-attachment-id=\"203515\" data-orig-file=\"https:\/\/itayachtscanada.com\/wp-content\/uploads\/2025\/02\/Capture-decran-le-2025-02-05-a-11.49.45.jpg\" data-orig-size=\"1614,1070\" data-comments-opened=\"1\" data-image-meta=\"{&quot;aperture&quot;:&quot;0&quot;,&quot;credit&quot;:&quot;&quot;,&quot;camera&quot;:&quot;&quot;,&quot;caption&quot;:&quot;&quot;,&quot;created_timestamp&quot;:&quot;0&quot;,&quot;copyright&quot;:&quot;&quot;,&quot;focal_length&quot;:&quot;0&quot;,&quot;iso&quot;:&quot;0&quot;,&quot;shutter_speed&quot;:&quot;0&quot;,&quot;title&quot;:&quot;&quot;,&quot;orientation&quot;:&quot;0&quot;}\" data-image-title=\"Capture d\u2019e\u0301cran, le 2025-02-05 a\u0300 11.49.45\" data-image-description=\"\" data-medium-file=\"https:\/\/i0.wp.com\/itayachtscanada.com\/wp-content\/uploads\/2025\/02\/Capture-decran-le-2025-02-05-a-11.49.45.jpg?fit=300%2C199&#038;ssl=1\" data-large-file=\"https:\/\/i0.wp.com\/itayachtscanada.com\/wp-content\/uploads\/2025\/02\/Capture-decran-le-2025-02-05-a-11.49.45.jpg?fit=700%2C464&#038;ssl=1\" src=\"https:\/\/i0.wp.com\/itayachtscanada.com\/wp-content\/uploads\/2025\/02\/Capture-decran-le-2025-02-05-a-11.49.45.jpg?w=229&#038;h=152&#038;ssl=1\" srcset=\"https:\/\/i0.wp.com\/itayachtscanada.com\/wp-content\/uploads\/2025\/02\/Capture-decran-le-2025-02-05-a-11.49.45.jpg?w=1614&amp;ssl=1 1614w, https:\/\/i0.wp.com\/itayachtscanada.com\/wp-content\/uploads\/2025\/02\/Capture-decran-le-2025-02-05-a-11.49.45.jpg?resize=300%2C199&amp;ssl=1 300w, https:\/\/i0.wp.com\/itayachtscanada.com\/wp-content\/uploads\/2025\/02\/Capture-decran-le-2025-02-05-a-11.49.45.jpg?resize=1024%2C679&amp;ssl=1 1024w, https:\/\/i0.wp.com\/itayachtscanada.com\/wp-content\/uploads\/2025\/02\/Capture-decran-le-2025-02-05-a-11.49.45.jpg?resize=768%2C509&amp;ssl=1 768w, https:\/\/i0.wp.com\/itayachtscanada.com\/wp-content\/uploads\/2025\/02\/Capture-decran-le-2025-02-05-a-11.49.45.jpg?resize=1536%2C1018&amp;ssl=1 1536w, https:\/\/i0.wp.com\/itayachtscanada.com\/wp-content\/uploads\/2025\/02\/Capture-decran-le-2025-02-05-a-11.49.45.jpg?resize=700%2C464&amp;ssl=1 700w, https:\/\/i0.wp.com\/itayachtscanada.com\/wp-content\/uploads\/2025\/02\/Capture-decran-le-2025-02-05-a-11.49.45.jpg?resize=900%2C600&amp;ssl=1 900w, https:\/\/i0.wp.com\/itayachtscanada.com\/wp-content\/uploads\/2025\/02\/Capture-decran-le-2025-02-05-a-11.49.45.jpg?resize=603%2C400&amp;ssl=1 603w, https:\/\/i0.wp.com\/itayachtscanada.com\/wp-content\/uploads\/2025\/02\/Capture-decran-le-2025-02-05-a-11.49.45.jpg?w=1400&amp;ssl=1 1400w\" width=\"229\" height=\"152\" loading=\"lazy\" data-original-width=\"229\" data-original-height=\"152\" itemprop=\"http:\/\/schema.org\/image\" title=\"Capture d\u2019e\u0301cran, le 2025-02-05 a\u0300 11.49.45\" alt=\"Capture d\u2019e\u0301cran, le 2025-02-05 a\u0300 11.49.45\" style=\"width: 229px; height: 152px;\" \/> <\/a> <\/div> <div class=\"tiled-gallery-item tiled-gallery-item-small\" itemprop=\"associatedMedia\" itemscope itemtype=\"http:\/\/schema.org\/ImageObject\"> <a href=\"https:\/\/itayachtscanada.com\/fr\/listing\/ferretti-custom-line-106-2022-10888888-usd-for-sale\/capture-decran-le-2025-02-05-a-11-49-51\/\" border=\"0\" itemprop=\"url\"> <meta itemprop=\"width\" content=\"229\"> <meta itemprop=\"height\" content=\"151\"> <img decoding=\"async\" class=\"\" data-attachment-id=\"203513\" data-orig-file=\"https:\/\/itayachtscanada.com\/wp-content\/uploads\/2025\/02\/Capture-decran-le-2025-02-05-a-11.49.51.jpg\" data-orig-size=\"1614,1070\" data-comments-opened=\"1\" data-image-meta=\"{&quot;aperture&quot;:&quot;0&quot;,&quot;credit&quot;:&quot;&quot;,&quot;camera&quot;:&quot;&quot;,&quot;caption&quot;:&quot;&quot;,&quot;created_timestamp&quot;:&quot;0&quot;,&quot;copyright&quot;:&quot;&quot;,&quot;focal_length&quot;:&quot;0&quot;,&quot;iso&quot;:&quot;0&quot;,&quot;shutter_speed&quot;:&quot;0&quot;,&quot;title&quot;:&quot;&quot;,&quot;orientation&quot;:&quot;0&quot;}\" data-image-title=\"Capture d\u2019e\u0301cran, le 2025-02-05 a\u0300 11.49.51\" data-image-description=\"\" data-medium-file=\"https:\/\/i0.wp.com\/itayachtscanada.com\/wp-content\/uploads\/2025\/02\/Capture-decran-le-2025-02-05-a-11.49.51.jpg?fit=300%2C199&#038;ssl=1\" data-large-file=\"https:\/\/i0.wp.com\/itayachtscanada.com\/wp-content\/uploads\/2025\/02\/Capture-decran-le-2025-02-05-a-11.49.51.jpg?fit=700%2C464&#038;ssl=1\" src=\"https:\/\/i0.wp.com\/itayachtscanada.com\/wp-content\/uploads\/2025\/02\/Capture-decran-le-2025-02-05-a-11.49.51.jpg?w=229&#038;h=151&#038;ssl=1\" srcset=\"https:\/\/i0.wp.com\/itayachtscanada.com\/wp-content\/uploads\/2025\/02\/Capture-decran-le-2025-02-05-a-11.49.51.jpg?w=1614&amp;ssl=1 1614w, https:\/\/i0.wp.com\/itayachtscanada.com\/wp-content\/uploads\/2025\/02\/Capture-decran-le-2025-02-05-a-11.49.51.jpg?resize=300%2C199&amp;ssl=1 300w, https:\/\/i0.wp.com\/itayachtscanada.com\/wp-content\/uploads\/2025\/02\/Capture-decran-le-2025-02-05-a-11.49.51.jpg?resize=1024%2C679&amp;ssl=1 1024w, https:\/\/i0.wp.com\/itayachtscanada.com\/wp-content\/uploads\/2025\/02\/Capture-decran-le-2025-02-05-a-11.49.51.jpg?resize=768%2C509&amp;ssl=1 768w, https:\/\/i0.wp.com\/itayachtscanada.com\/wp-content\/uploads\/2025\/02\/Capture-decran-le-2025-02-05-a-11.49.51.jpg?resize=1536%2C1018&amp;ssl=1 1536w, https:\/\/i0.wp.com\/itayachtscanada.com\/wp-content\/uploads\/2025\/02\/Capture-decran-le-2025-02-05-a-11.49.51.jpg?resize=700%2C464&amp;ssl=1 700w, https:\/\/i0.wp.com\/itayachtscanada.com\/wp-content\/uploads\/2025\/02\/Capture-decran-le-2025-02-05-a-11.49.51.jpg?resize=603%2C400&amp;ssl=1 603w, https:\/\/i0.wp.com\/itayachtscanada.com\/wp-content\/uploads\/2025\/02\/Capture-decran-le-2025-02-05-a-11.49.51.jpg?w=1400&amp;ssl=1 1400w\" width=\"229\" height=\"151\" loading=\"lazy\" data-original-width=\"229\" data-original-height=\"151\" itemprop=\"http:\/\/schema.org\/image\" title=\"Capture d\u2019e\u0301cran, le 2025-02-05 a\u0300 11.49.51\" alt=\"Capture d\u2019e\u0301cran, le 2025-02-05 a\u0300 11.49.51\" style=\"width: 229px; height: 151px;\" \/> <\/a> <\/div> <\/div> <!-- close group --> <\/div> <!-- close row --> <div class=\"gallery-row\" style=\"width: 700px; height: 156px;\" data-original-width=\"700\" data-original-height=\"156\" > <div class=\"gallery-group images-1\" style=\"width: 234px; height: 156px;\" data-original-width=\"234\" data-original-height=\"156\" > <div class=\"tiled-gallery-item tiled-gallery-item-small\" itemprop=\"associatedMedia\" itemscope itemtype=\"http:\/\/schema.org\/ImageObject\"> <a href=\"https:\/\/itayachtscanada.com\/fr\/listing\/ferretti-custom-line-106-2022-10888888-usd-for-sale\/capture-decran-le-2025-02-05-a-11-50-04\/\" border=\"0\" itemprop=\"url\"> <meta itemprop=\"width\" content=\"230\"> <meta itemprop=\"height\" content=\"152\"> <img decoding=\"async\" class=\"\" data-attachment-id=\"203509\" data-orig-file=\"https:\/\/itayachtscanada.com\/wp-content\/uploads\/2025\/02\/Capture-decran-le-2025-02-05-a-11.50.04.jpg\" data-orig-size=\"1614,1070\" data-comments-opened=\"1\" data-image-meta=\"{&quot;aperture&quot;:&quot;0&quot;,&quot;credit&quot;:&quot;&quot;,&quot;camera&quot;:&quot;&quot;,&quot;caption&quot;:&quot;&quot;,&quot;created_timestamp&quot;:&quot;0&quot;,&quot;copyright&quot;:&quot;&quot;,&quot;focal_length&quot;:&quot;0&quot;,&quot;iso&quot;:&quot;0&quot;,&quot;shutter_speed&quot;:&quot;0&quot;,&quot;title&quot;:&quot;&quot;,&quot;orientation&quot;:&quot;0&quot;}\" data-image-title=\"Capture d\u2019e\u0301cran, le 2025-02-05 a\u0300 11.50.04\" data-image-description=\"\" data-medium-file=\"https:\/\/i0.wp.com\/itayachtscanada.com\/wp-content\/uploads\/2025\/02\/Capture-decran-le-2025-02-05-a-11.50.04.jpg?fit=300%2C199&#038;ssl=1\" data-large-file=\"https:\/\/i0.wp.com\/itayachtscanada.com\/wp-content\/uploads\/2025\/02\/Capture-decran-le-2025-02-05-a-11.50.04.jpg?fit=700%2C464&#038;ssl=1\" src=\"https:\/\/i0.wp.com\/itayachtscanada.com\/wp-content\/uploads\/2025\/02\/Capture-decran-le-2025-02-05-a-11.50.04.jpg?w=230&#038;h=152&#038;ssl=1\" srcset=\"https:\/\/i0.wp.com\/itayachtscanada.com\/wp-content\/uploads\/2025\/02\/Capture-decran-le-2025-02-05-a-11.50.04.jpg?w=1614&amp;ssl=1 1614w, https:\/\/i0.wp.com\/itayachtscanada.com\/wp-content\/uploads\/2025\/02\/Capture-decran-le-2025-02-05-a-11.50.04.jpg?resize=300%2C199&amp;ssl=1 300w, https:\/\/i0.wp.com\/itayachtscanada.com\/wp-content\/uploads\/2025\/02\/Capture-decran-le-2025-02-05-a-11.50.04.jpg?resize=1024%2C679&amp;ssl=1 1024w, https:\/\/i0.wp.com\/itayachtscanada.com\/wp-content\/uploads\/2025\/02\/Capture-decran-le-2025-02-05-a-11.50.04.jpg?resize=768%2C509&amp;ssl=1 768w, https:\/\/i0.wp.com\/itayachtscanada.com\/wp-content\/uploads\/2025\/02\/Capture-decran-le-2025-02-05-a-11.50.04.jpg?resize=1536%2C1018&amp;ssl=1 1536w, https:\/\/i0.wp.com\/itayachtscanada.com\/wp-content\/uploads\/2025\/02\/Capture-decran-le-2025-02-05-a-11.50.04.jpg?resize=700%2C464&amp;ssl=1 700w, https:\/\/i0.wp.com\/itayachtscanada.com\/wp-content\/uploads\/2025\/02\/Capture-decran-le-2025-02-05-a-11.50.04.jpg?resize=900%2C600&amp;ssl=1 900w, https:\/\/i0.wp.com\/itayachtscanada.com\/wp-content\/uploads\/2025\/02\/Capture-decran-le-2025-02-05-a-11.50.04.jpg?resize=603%2C400&amp;ssl=1 603w, https:\/\/i0.wp.com\/itayachtscanada.com\/wp-content\/uploads\/2025\/02\/Capture-decran-le-2025-02-05-a-11.50.04.jpg?w=1400&amp;ssl=1 1400w\" width=\"230\" height=\"152\" loading=\"lazy\" data-original-width=\"230\" data-original-height=\"152\" itemprop=\"http:\/\/schema.org\/image\" title=\"Capture d\u2019e\u0301cran, le 2025-02-05 a\u0300 11.50.04\" alt=\"Capture d\u2019e\u0301cran, le 2025-02-05 a\u0300 11.50.04\" style=\"width: 230px; height: 152px;\" \/> <\/a> <\/div> <\/div> <!-- close group --> <div class=\"gallery-group images-1\" style=\"width: 233px; height: 156px;\" data-original-width=\"233\" data-original-height=\"156\" > <div class=\"tiled-gallery-item tiled-gallery-item-small\" itemprop=\"associatedMedia\" itemscope itemtype=\"http:\/\/schema.org\/ImageObject\"> <a href=\"https:\/\/itayachtscanada.com\/fr\/listing\/ferretti-custom-line-106-2022-10888888-usd-for-sale\/capture-decran-le-2025-02-05-a-11-49-27\/\" border=\"0\" itemprop=\"url\"> <meta itemprop=\"width\" content=\"229\"> <meta itemprop=\"height\" content=\"152\"> <img decoding=\"async\" class=\"\" data-attachment-id=\"203521\" data-orig-file=\"https:\/\/itayachtscanada.com\/wp-content\/uploads\/2025\/02\/Capture-decran-le-2025-02-05-a-11.49.27.jpg\" data-orig-size=\"1614,1070\" data-comments-opened=\"1\" data-image-meta=\"{&quot;aperture&quot;:&quot;0&quot;,&quot;credit&quot;:&quot;&quot;,&quot;camera&quot;:&quot;&quot;,&quot;caption&quot;:&quot;&quot;,&quot;created_timestamp&quot;:&quot;0&quot;,&quot;copyright&quot;:&quot;&quot;,&quot;focal_length&quot;:&quot;0&quot;,&quot;iso&quot;:&quot;0&quot;,&quot;shutter_speed&quot;:&quot;0&quot;,&quot;title&quot;:&quot;&quot;,&quot;orientation&quot;:&quot;0&quot;}\" data-image-title=\"Capture d\u2019e\u0301cran, le 2025-02-05 a\u0300 11.49.27\" data-image-description=\"\" data-medium-file=\"https:\/\/i0.wp.com\/itayachtscanada.com\/wp-content\/uploads\/2025\/02\/Capture-decran-le-2025-02-05-a-11.49.27.jpg?fit=300%2C199&#038;ssl=1\" data-large-file=\"https:\/\/i0.wp.com\/itayachtscanada.com\/wp-content\/uploads\/2025\/02\/Capture-decran-le-2025-02-05-a-11.49.27.jpg?fit=700%2C464&#038;ssl=1\" src=\"https:\/\/i0.wp.com\/itayachtscanada.com\/wp-content\/uploads\/2025\/02\/Capture-decran-le-2025-02-05-a-11.49.27.jpg?w=229&#038;h=152&#038;ssl=1\" srcset=\"https:\/\/i0.wp.com\/itayachtscanada.com\/wp-content\/uploads\/2025\/02\/Capture-decran-le-2025-02-05-a-11.49.27.jpg?w=1614&amp;ssl=1 1614w, https:\/\/i0.wp.com\/itayachtscanada.com\/wp-content\/uploads\/2025\/02\/Capture-decran-le-2025-02-05-a-11.49.27.jpg?resize=300%2C199&amp;ssl=1 300w, https:\/\/i0.wp.com\/itayachtscanada.com\/wp-content\/uploads\/2025\/02\/Capture-decran-le-2025-02-05-a-11.49.27.jpg?resize=1024%2C679&amp;ssl=1 1024w, https:\/\/i0.wp.com\/itayachtscanada.com\/wp-content\/uploads\/2025\/02\/Capture-decran-le-2025-02-05-a-11.49.27.jpg?resize=768%2C509&amp;ssl=1 768w, https:\/\/i0.wp.com\/itayachtscanada.com\/wp-content\/uploads\/2025\/02\/Capture-decran-le-2025-02-05-a-11.49.27.jpg?resize=1536%2C1018&amp;ssl=1 1536w, https:\/\/i0.wp.com\/itayachtscanada.com\/wp-content\/uploads\/2025\/02\/Capture-decran-le-2025-02-05-a-11.49.27.jpg?resize=700%2C464&amp;ssl=1 700w, https:\/\/i0.wp.com\/itayachtscanada.com\/wp-content\/uploads\/2025\/02\/Capture-decran-le-2025-02-05-a-11.49.27.jpg?resize=900%2C600&amp;ssl=1 900w, https:\/\/i0.wp.com\/itayachtscanada.com\/wp-content\/uploads\/2025\/02\/Capture-decran-le-2025-02-05-a-11.49.27.jpg?resize=603%2C400&amp;ssl=1 603w, https:\/\/i0.wp.com\/itayachtscanada.com\/wp-content\/uploads\/2025\/02\/Capture-decran-le-2025-02-05-a-11.49.27.jpg?w=1400&amp;ssl=1 1400w\" width=\"229\" height=\"152\" loading=\"lazy\" data-original-width=\"229\" data-original-height=\"152\" itemprop=\"http:\/\/schema.org\/image\" title=\"Capture d\u2019e\u0301cran, le 2025-02-05 a\u0300 11.49.27\" alt=\"Capture d\u2019e\u0301cran, le 2025-02-05 a\u0300 11.49.27\" style=\"width: 229px; height: 152px;\" \/> <\/a> <\/div> <\/div> <!-- close group --> <div class=\"gallery-group images-1\" style=\"width: 233px; height: 156px;\" data-original-width=\"233\" data-original-height=\"156\" > <div class=\"tiled-gallery-item tiled-gallery-item-small\" itemprop=\"associatedMedia\" itemscope itemtype=\"http:\/\/schema.org\/ImageObject\"> <a href=\"https:\/\/itayachtscanada.com\/fr\/listing\/ferretti-custom-line-106-2022-10888888-usd-for-sale\/capture-decran-le-2025-02-05-a-11-49-57\/\" border=\"0\" itemprop=\"url\"> <meta itemprop=\"width\" content=\"229\"> <meta itemprop=\"height\" content=\"152\"> <img decoding=\"async\" class=\"\" data-attachment-id=\"203511\" data-orig-file=\"https:\/\/itayachtscanada.com\/wp-content\/uploads\/2025\/02\/Capture-decran-le-2025-02-05-a-11.49.57.jpg\" data-orig-size=\"1614,1070\" data-comments-opened=\"1\" data-image-meta=\"{&quot;aperture&quot;:&quot;0&quot;,&quot;credit&quot;:&quot;&quot;,&quot;camera&quot;:&quot;&quot;,&quot;caption&quot;:&quot;&quot;,&quot;created_timestamp&quot;:&quot;0&quot;,&quot;copyright&quot;:&quot;&quot;,&quot;focal_length&quot;:&quot;0&quot;,&quot;iso&quot;:&quot;0&quot;,&quot;shutter_speed&quot;:&quot;0&quot;,&quot;title&quot;:&quot;&quot;,&quot;orientation&quot;:&quot;0&quot;}\" data-image-title=\"Capture d\u2019e\u0301cran, le 2025-02-05 a\u0300 11.49.57\" data-image-description=\"\" data-medium-file=\"https:\/\/i0.wp.com\/itayachtscanada.com\/wp-content\/uploads\/2025\/02\/Capture-decran-le-2025-02-05-a-11.49.57.jpg?fit=300%2C199&#038;ssl=1\" data-large-file=\"https:\/\/i0.wp.com\/itayachtscanada.com\/wp-content\/uploads\/2025\/02\/Capture-decran-le-2025-02-05-a-11.49.57.jpg?fit=700%2C464&#038;ssl=1\" src=\"https:\/\/i0.wp.com\/itayachtscanada.com\/wp-content\/uploads\/2025\/02\/Capture-decran-le-2025-02-05-a-11.49.57.jpg?w=229&#038;h=152&#038;ssl=1\" srcset=\"https:\/\/i0.wp.com\/itayachtscanada.com\/wp-content\/uploads\/2025\/02\/Capture-decran-le-2025-02-05-a-11.49.57.jpg?w=1614&amp;ssl=1 1614w, https:\/\/i0.wp.com\/itayachtscanada.com\/wp-content\/uploads\/2025\/02\/Capture-decran-le-2025-02-05-a-11.49.57.jpg?resize=300%2C199&amp;ssl=1 300w, https:\/\/i0.wp.com\/itayachtscanada.com\/wp-content\/uploads\/2025\/02\/Capture-decran-le-2025-02-05-a-11.49.57.jpg?resize=1024%2C679&amp;ssl=1 1024w, https:\/\/i0.wp.com\/itayachtscanada.com\/wp-content\/uploads\/2025\/02\/Capture-decran-le-2025-02-05-a-11.49.57.jpg?resize=768%2C509&amp;ssl=1 768w, https:\/\/i0.wp.com\/itayachtscanada.com\/wp-content\/uploads\/2025\/02\/Capture-decran-le-2025-02-05-a-11.49.57.jpg?resize=1536%2C1018&amp;ssl=1 1536w, https:\/\/i0.wp.com\/itayachtscanada.com\/wp-content\/uploads\/2025\/02\/Capture-decran-le-2025-02-05-a-11.49.57.jpg?resize=700%2C464&amp;ssl=1 700w, https:\/\/i0.wp.com\/itayachtscanada.com\/wp-content\/uploads\/2025\/02\/Capture-decran-le-2025-02-05-a-11.49.57.jpg?resize=900%2C600&amp;ssl=1 900w, https:\/\/i0.wp.com\/itayachtscanada.com\/wp-content\/uploads\/2025\/02\/Capture-decran-le-2025-02-05-a-11.49.57.jpg?resize=603%2C400&amp;ssl=1 603w, https:\/\/i0.wp.com\/itayachtscanada.com\/wp-content\/uploads\/2025\/02\/Capture-decran-le-2025-02-05-a-11.49.57.jpg?w=1400&amp;ssl=1 1400w\" width=\"229\" height=\"152\" loading=\"lazy\" data-original-width=\"229\" data-original-height=\"152\" itemprop=\"http:\/\/schema.org\/image\" title=\"Capture d\u2019e\u0301cran, le 2025-02-05 a\u0300 11.49.57\" alt=\"Capture d\u2019e\u0301cran, le 2025-02-05 a\u0300 11.49.57\" style=\"width: 229px; height: 152px;\" \/> <\/a> <\/div> <\/div> <!-- close group --> <\/div> <!-- close row --> <div class=\"gallery-row\" style=\"width: 700px; height: 311px;\" data-original-width=\"700\" data-original-height=\"311\" > <div class=\"gallery-group images-2\" style=\"width: 233px; height: 311px;\" data-original-width=\"233\" data-original-height=\"311\" > <div class=\"tiled-gallery-item tiled-gallery-item-small\" itemprop=\"associatedMedia\" itemscope itemtype=\"http:\/\/schema.org\/ImageObject\"> <a href=\"https:\/\/itayachtscanada.com\/fr\/listing\/ferretti-custom-line-106-2022-10888888-usd-for-sale\/capture-decran-le-2025-02-05-a-11-50-14\/\" border=\"0\" itemprop=\"url\"> <meta itemprop=\"width\" content=\"229\"> <meta itemprop=\"height\" content=\"152\"> <img decoding=\"async\" class=\"\" data-attachment-id=\"203506\" data-orig-file=\"https:\/\/itayachtscanada.com\/wp-content\/uploads\/2025\/02\/Capture-decran-le-2025-02-05-a-11.50.14.jpg\" data-orig-size=\"1614,1070\" data-comments-opened=\"1\" data-image-meta=\"{&quot;aperture&quot;:&quot;0&quot;,&quot;credit&quot;:&quot;&quot;,&quot;camera&quot;:&quot;&quot;,&quot;caption&quot;:&quot;&quot;,&quot;created_timestamp&quot;:&quot;0&quot;,&quot;copyright&quot;:&quot;&quot;,&quot;focal_length&quot;:&quot;0&quot;,&quot;iso&quot;:&quot;0&quot;,&quot;shutter_speed&quot;:&quot;0&quot;,&quot;title&quot;:&quot;&quot;,&quot;orientation&quot;:&quot;0&quot;}\" data-image-title=\"Capture d\u2019e\u0301cran, le 2025-02-05 a\u0300 11.50.14\" data-image-description=\"\" data-medium-file=\"https:\/\/i0.wp.com\/itayachtscanada.com\/wp-content\/uploads\/2025\/02\/Capture-decran-le-2025-02-05-a-11.50.14.jpg?fit=300%2C199&#038;ssl=1\" data-large-file=\"https:\/\/i0.wp.com\/itayachtscanada.com\/wp-content\/uploads\/2025\/02\/Capture-decran-le-2025-02-05-a-11.50.14.jpg?fit=700%2C464&#038;ssl=1\" src=\"https:\/\/i0.wp.com\/itayachtscanada.com\/wp-content\/uploads\/2025\/02\/Capture-decran-le-2025-02-05-a-11.50.14.jpg?w=229&#038;h=152&#038;ssl=1\" srcset=\"https:\/\/i0.wp.com\/itayachtscanada.com\/wp-content\/uploads\/2025\/02\/Capture-decran-le-2025-02-05-a-11.50.14.jpg?w=1614&amp;ssl=1 1614w, https:\/\/i0.wp.com\/itayachtscanada.com\/wp-content\/uploads\/2025\/02\/Capture-decran-le-2025-02-05-a-11.50.14.jpg?resize=300%2C199&amp;ssl=1 300w, https:\/\/i0.wp.com\/itayachtscanada.com\/wp-content\/uploads\/2025\/02\/Capture-decran-le-2025-02-05-a-11.50.14.jpg?resize=1024%2C679&amp;ssl=1 1024w, https:\/\/i0.wp.com\/itayachtscanada.com\/wp-content\/uploads\/2025\/02\/Capture-decran-le-2025-02-05-a-11.50.14.jpg?resize=768%2C509&amp;ssl=1 768w, https:\/\/i0.wp.com\/itayachtscanada.com\/wp-content\/uploads\/2025\/02\/Capture-decran-le-2025-02-05-a-11.50.14.jpg?resize=1536%2C1018&amp;ssl=1 1536w, https:\/\/i0.wp.com\/itayachtscanada.com\/wp-content\/uploads\/2025\/02\/Capture-decran-le-2025-02-05-a-11.50.14.jpg?resize=700%2C464&amp;ssl=1 700w, https:\/\/i0.wp.com\/itayachtscanada.com\/wp-content\/uploads\/2025\/02\/Capture-decran-le-2025-02-05-a-11.50.14.jpg?resize=900%2C600&amp;ssl=1 900w, https:\/\/i0.wp.com\/itayachtscanada.com\/wp-content\/uploads\/2025\/02\/Capture-decran-le-2025-02-05-a-11.50.14.jpg?resize=603%2C400&amp;ssl=1 603w, https:\/\/i0.wp.com\/itayachtscanada.com\/wp-content\/uploads\/2025\/02\/Capture-decran-le-2025-02-05-a-11.50.14.jpg?w=1400&amp;ssl=1 1400w\" width=\"229\" height=\"152\" loading=\"lazy\" data-original-width=\"229\" data-original-height=\"152\" itemprop=\"http:\/\/schema.org\/image\" title=\"Capture d\u2019e\u0301cran, le 2025-02-05 a\u0300 11.50.14\" alt=\"Capture d\u2019e\u0301cran, le 2025-02-05 a\u0300 11.50.14\" style=\"width: 229px; height: 152px;\" \/> <\/a> <\/div> <div class=\"tiled-gallery-item tiled-gallery-item-small\" itemprop=\"associatedMedia\" itemscope itemtype=\"http:\/\/schema.org\/ImageObject\"> <a href=\"https:\/\/itayachtscanada.com\/fr\/listing\/ferretti-custom-line-106-2022-10888888-usd-for-sale\/capture-decran-le-2025-02-05-a-11-50-18\/\" border=\"0\" itemprop=\"url\"> <meta itemprop=\"width\" content=\"229\"> <meta itemprop=\"height\" content=\"151\"> <img decoding=\"async\" class=\"\" data-attachment-id=\"203505\" data-orig-file=\"https:\/\/itayachtscanada.com\/wp-content\/uploads\/2025\/02\/Capture-decran-le-2025-02-05-a-11.50.18.jpg\" data-orig-size=\"1614,1070\" data-comments-opened=\"1\" data-image-meta=\"{&quot;aperture&quot;:&quot;0&quot;,&quot;credit&quot;:&quot;&quot;,&quot;camera&quot;:&quot;&quot;,&quot;caption&quot;:&quot;&quot;,&quot;created_timestamp&quot;:&quot;0&quot;,&quot;copyright&quot;:&quot;&quot;,&quot;focal_length&quot;:&quot;0&quot;,&quot;iso&quot;:&quot;0&quot;,&quot;shutter_speed&quot;:&quot;0&quot;,&quot;title&quot;:&quot;&quot;,&quot;orientation&quot;:&quot;0&quot;}\" data-image-title=\"Capture d\u2019e\u0301cran, le 2025-02-05 a\u0300 11.50.18\" data-image-description=\"\" data-medium-file=\"https:\/\/i0.wp.com\/itayachtscanada.com\/wp-content\/uploads\/2025\/02\/Capture-decran-le-2025-02-05-a-11.50.18.jpg?fit=300%2C199&#038;ssl=1\" data-large-file=\"https:\/\/i0.wp.com\/itayachtscanada.com\/wp-content\/uploads\/2025\/02\/Capture-decran-le-2025-02-05-a-11.50.18.jpg?fit=700%2C464&#038;ssl=1\" src=\"https:\/\/i0.wp.com\/itayachtscanada.com\/wp-content\/uploads\/2025\/02\/Capture-decran-le-2025-02-05-a-11.50.18.jpg?w=229&#038;h=151&#038;ssl=1\" srcset=\"https:\/\/i0.wp.com\/itayachtscanada.com\/wp-content\/uploads\/2025\/02\/Capture-decran-le-2025-02-05-a-11.50.18.jpg?w=1614&amp;ssl=1 1614w, https:\/\/i0.wp.com\/itayachtscanada.com\/wp-content\/uploads\/2025\/02\/Capture-decran-le-2025-02-05-a-11.50.18.jpg?resize=300%2C199&amp;ssl=1 300w, https:\/\/i0.wp.com\/itayachtscanada.com\/wp-content\/uploads\/2025\/02\/Capture-decran-le-2025-02-05-a-11.50.18.jpg?resize=1024%2C679&amp;ssl=1 1024w, https:\/\/i0.wp.com\/itayachtscanada.com\/wp-content\/uploads\/2025\/02\/Capture-decran-le-2025-02-05-a-11.50.18.jpg?resize=768%2C509&amp;ssl=1 768w, https:\/\/i0.wp.com\/itayachtscanada.com\/wp-content\/uploads\/2025\/02\/Capture-decran-le-2025-02-05-a-11.50.18.jpg?resize=1536%2C1018&amp;ssl=1 1536w, https:\/\/i0.wp.com\/itayachtscanada.com\/wp-content\/uploads\/2025\/02\/Capture-decran-le-2025-02-05-a-11.50.18.jpg?resize=700%2C464&amp;ssl=1 700w, https:\/\/i0.wp.com\/itayachtscanada.com\/wp-content\/uploads\/2025\/02\/Capture-decran-le-2025-02-05-a-11.50.18.jpg?resize=603%2C400&amp;ssl=1 603w, https:\/\/i0.wp.com\/itayachtscanada.com\/wp-content\/uploads\/2025\/02\/Capture-decran-le-2025-02-05-a-11.50.18.jpg?w=1400&amp;ssl=1 1400w\" width=\"229\" height=\"151\" loading=\"lazy\" data-original-width=\"229\" data-original-height=\"151\" itemprop=\"http:\/\/schema.org\/image\" title=\"Capture d\u2019e\u0301cran, le 2025-02-05 a\u0300 11.50.18\" alt=\"Capture d\u2019e\u0301cran, le 2025-02-05 a\u0300 11.50.18\" style=\"width: 229px; height: 151px;\" \/> <\/a> <\/div> <\/div> <!-- close group --> <div class=\"gallery-group images-1\" style=\"width: 467px; height: 311px;\" data-original-width=\"467\" data-original-height=\"311\" > <div class=\"tiled-gallery-item tiled-gallery-item-large\" itemprop=\"associatedMedia\" itemscope itemtype=\"http:\/\/schema.org\/ImageObject\"> <a href=\"https:\/\/itayachtscanada.com\/fr\/listing\/ferretti-custom-line-106-2022-10888888-usd-for-sale\/capture-decran-le-2025-02-05-a-11-49-42\/\" border=\"0\" itemprop=\"url\"> <meta itemprop=\"width\" content=\"463\"> <meta itemprop=\"height\" content=\"307\"> <img decoding=\"async\" class=\"\" data-attachment-id=\"203516\" data-orig-file=\"https:\/\/itayachtscanada.com\/wp-content\/uploads\/2025\/02\/Capture-decran-le-2025-02-05-a-11.49.42.jpg\" data-orig-size=\"1614,1070\" data-comments-opened=\"1\" data-image-meta=\"{&quot;aperture&quot;:&quot;0&quot;,&quot;credit&quot;:&quot;&quot;,&quot;camera&quot;:&quot;&quot;,&quot;caption&quot;:&quot;&quot;,&quot;created_timestamp&quot;:&quot;0&quot;,&quot;copyright&quot;:&quot;&quot;,&quot;focal_length&quot;:&quot;0&quot;,&quot;iso&quot;:&quot;0&quot;,&quot;shutter_speed&quot;:&quot;0&quot;,&quot;title&quot;:&quot;&quot;,&quot;orientation&quot;:&quot;0&quot;}\" data-image-title=\"Capture d\u2019e\u0301cran, le 2025-02-05 a\u0300 11.49.42\" data-image-description=\"\" data-medium-file=\"https:\/\/i0.wp.com\/itayachtscanada.com\/wp-content\/uploads\/2025\/02\/Capture-decran-le-2025-02-05-a-11.49.42.jpg?fit=300%2C199&#038;ssl=1\" data-large-file=\"https:\/\/i0.wp.com\/itayachtscanada.com\/wp-content\/uploads\/2025\/02\/Capture-decran-le-2025-02-05-a-11.49.42.jpg?fit=700%2C464&#038;ssl=1\" src=\"https:\/\/i0.wp.com\/itayachtscanada.com\/wp-content\/uploads\/2025\/02\/Capture-decran-le-2025-02-05-a-11.49.42.jpg?w=463&#038;h=307&#038;ssl=1\" srcset=\"https:\/\/i0.wp.com\/itayachtscanada.com\/wp-content\/uploads\/2025\/02\/Capture-decran-le-2025-02-05-a-11.49.42.jpg?w=1614&amp;ssl=1 1614w, https:\/\/i0.wp.com\/itayachtscanada.com\/wp-content\/uploads\/2025\/02\/Capture-decran-le-2025-02-05-a-11.49.42.jpg?resize=300%2C199&amp;ssl=1 300w, https:\/\/i0.wp.com\/itayachtscanada.com\/wp-content\/uploads\/2025\/02\/Capture-decran-le-2025-02-05-a-11.49.42.jpg?resize=1024%2C679&amp;ssl=1 1024w, https:\/\/i0.wp.com\/itayachtscanada.com\/wp-content\/uploads\/2025\/02\/Capture-decran-le-2025-02-05-a-11.49.42.jpg?resize=768%2C509&amp;ssl=1 768w, https:\/\/i0.wp.com\/itayachtscanada.com\/wp-content\/uploads\/2025\/02\/Capture-decran-le-2025-02-05-a-11.49.42.jpg?resize=1536%2C1018&amp;ssl=1 1536w, https:\/\/i0.wp.com\/itayachtscanada.com\/wp-content\/uploads\/2025\/02\/Capture-decran-le-2025-02-05-a-11.49.42.jpg?resize=700%2C464&amp;ssl=1 700w, https:\/\/i0.wp.com\/itayachtscanada.com\/wp-content\/uploads\/2025\/02\/Capture-decran-le-2025-02-05-a-11.49.42.jpg?resize=603%2C400&amp;ssl=1 603w, https:\/\/i0.wp.com\/itayachtscanada.com\/wp-content\/uploads\/2025\/02\/Capture-decran-le-2025-02-05-a-11.49.42.jpg?w=1400&amp;ssl=1 1400w\" width=\"463\" height=\"307\" loading=\"lazy\" data-original-width=\"463\" data-original-height=\"307\" itemprop=\"http:\/\/schema.org\/image\" title=\"Capture d\u2019e\u0301cran, le 2025-02-05 a\u0300 11.49.42\" alt=\"Capture d\u2019e\u0301cran, le 2025-02-05 a\u0300 11.49.42\" style=\"width: 463px; height: 307px;\" \/> <\/a> <\/div> <\/div> <!-- close group --> <\/div> <!-- close row --> <div class=\"gallery-row\" style=\"width: 700px; height: 233px;\" data-original-width=\"700\" data-original-height=\"233\" > <div class=\"gallery-group images-1\" style=\"width: 350px; height: 233px;\" data-original-width=\"350\" data-original-height=\"233\" > <div class=\"tiled-gallery-item tiled-gallery-item-large\" itemprop=\"associatedMedia\" itemscope itemtype=\"http:\/\/schema.org\/ImageObject\"> <a href=\"https:\/\/itayachtscanada.com\/fr\/listing\/ferretti-custom-line-106-2022-10888888-usd-for-sale\/capture-decran-le-2025-02-05-a-11-49-39\/\" border=\"0\" itemprop=\"url\"> <meta itemprop=\"width\" content=\"346\"> <meta itemprop=\"height\" content=\"229\"> <img decoding=\"async\" class=\"\" data-attachment-id=\"203517\" data-orig-file=\"https:\/\/itayachtscanada.com\/wp-content\/uploads\/2025\/02\/Capture-decran-le-2025-02-05-a-11.49.39.jpg\" data-orig-size=\"1614,1070\" data-comments-opened=\"1\" data-image-meta=\"{&quot;aperture&quot;:&quot;0&quot;,&quot;credit&quot;:&quot;&quot;,&quot;camera&quot;:&quot;&quot;,&quot;caption&quot;:&quot;&quot;,&quot;created_timestamp&quot;:&quot;0&quot;,&quot;copyright&quot;:&quot;&quot;,&quot;focal_length&quot;:&quot;0&quot;,&quot;iso&quot;:&quot;0&quot;,&quot;shutter_speed&quot;:&quot;0&quot;,&quot;title&quot;:&quot;&quot;,&quot;orientation&quot;:&quot;0&quot;}\" data-image-title=\"Capture d\u2019e\u0301cran, le 2025-02-05 a\u0300 11.49.39\" data-image-description=\"\" data-medium-file=\"https:\/\/i0.wp.com\/itayachtscanada.com\/wp-content\/uploads\/2025\/02\/Capture-decran-le-2025-02-05-a-11.49.39.jpg?fit=300%2C199&#038;ssl=1\" data-large-file=\"https:\/\/i0.wp.com\/itayachtscanada.com\/wp-content\/uploads\/2025\/02\/Capture-decran-le-2025-02-05-a-11.49.39.jpg?fit=700%2C464&#038;ssl=1\" src=\"https:\/\/i0.wp.com\/itayachtscanada.com\/wp-content\/uploads\/2025\/02\/Capture-decran-le-2025-02-05-a-11.49.39.jpg?w=346&#038;h=229&#038;ssl=1\" srcset=\"https:\/\/i0.wp.com\/itayachtscanada.com\/wp-content\/uploads\/2025\/02\/Capture-decran-le-2025-02-05-a-11.49.39.jpg?w=1614&amp;ssl=1 1614w, https:\/\/i0.wp.com\/itayachtscanada.com\/wp-content\/uploads\/2025\/02\/Capture-decran-le-2025-02-05-a-11.49.39.jpg?resize=300%2C199&amp;ssl=1 300w, https:\/\/i0.wp.com\/itayachtscanada.com\/wp-content\/uploads\/2025\/02\/Capture-decran-le-2025-02-05-a-11.49.39.jpg?resize=1024%2C679&amp;ssl=1 1024w, https:\/\/i0.wp.com\/itayachtscanada.com\/wp-content\/uploads\/2025\/02\/Capture-decran-le-2025-02-05-a-11.49.39.jpg?resize=768%2C509&amp;ssl=1 768w, https:\/\/i0.wp.com\/itayachtscanada.com\/wp-content\/uploads\/2025\/02\/Capture-decran-le-2025-02-05-a-11.49.39.jpg?resize=1536%2C1018&amp;ssl=1 1536w, https:\/\/i0.wp.com\/itayachtscanada.com\/wp-content\/uploads\/2025\/02\/Capture-decran-le-2025-02-05-a-11.49.39.jpg?resize=700%2C464&amp;ssl=1 700w, https:\/\/i0.wp.com\/itayachtscanada.com\/wp-content\/uploads\/2025\/02\/Capture-decran-le-2025-02-05-a-11.49.39.jpg?resize=603%2C400&amp;ssl=1 603w, https:\/\/i0.wp.com\/itayachtscanada.com\/wp-content\/uploads\/2025\/02\/Capture-decran-le-2025-02-05-a-11.49.39.jpg?w=1400&amp;ssl=1 1400w\" width=\"346\" height=\"229\" loading=\"lazy\" data-original-width=\"346\" data-original-height=\"229\" itemprop=\"http:\/\/schema.org\/image\" title=\"Capture d\u2019e\u0301cran, le 2025-02-05 a\u0300 11.49.39\" alt=\"Capture d\u2019e\u0301cran, le 2025-02-05 a\u0300 11.49.39\" style=\"width: 346px; height: 229px;\" \/> <\/a> <\/div> <\/div> <!-- close group --> <div class=\"gallery-group images-1\" style=\"width: 350px; height: 233px;\" data-original-width=\"350\" data-original-height=\"233\" > <div class=\"tiled-gallery-item tiled-gallery-item-large\" itemprop=\"associatedMedia\" itemscope itemtype=\"http:\/\/schema.org\/ImageObject\"> <a href=\"https:\/\/itayachtscanada.com\/fr\/listing\/ferretti-custom-line-106-2022-10888888-usd-for-sale\/capture-decran-le-2025-02-05-a-11-49-36\/\" border=\"0\" itemprop=\"url\"> <meta itemprop=\"width\" content=\"346\"> <meta itemprop=\"height\" content=\"229\"> <img decoding=\"async\" class=\"\" data-attachment-id=\"203518\" data-orig-file=\"https:\/\/itayachtscanada.com\/wp-content\/uploads\/2025\/02\/Capture-decran-le-2025-02-05-a-11.49.36.jpg\" data-orig-size=\"1614,1070\" data-comments-opened=\"1\" data-image-meta=\"{&quot;aperture&quot;:&quot;0&quot;,&quot;credit&quot;:&quot;&quot;,&quot;camera&quot;:&quot;&quot;,&quot;caption&quot;:&quot;&quot;,&quot;created_timestamp&quot;:&quot;0&quot;,&quot;copyright&quot;:&quot;&quot;,&quot;focal_length&quot;:&quot;0&quot;,&quot;iso&quot;:&quot;0&quot;,&quot;shutter_speed&quot;:&quot;0&quot;,&quot;title&quot;:&quot;&quot;,&quot;orientation&quot;:&quot;0&quot;}\" data-image-title=\"Capture d\u2019e\u0301cran, le 2025-02-05 a\u0300 11.49.36\" data-image-description=\"\" data-medium-file=\"https:\/\/i0.wp.com\/itayachtscanada.com\/wp-content\/uploads\/2025\/02\/Capture-decran-le-2025-02-05-a-11.49.36.jpg?fit=300%2C199&#038;ssl=1\" data-large-file=\"https:\/\/i0.wp.com\/itayachtscanada.com\/wp-content\/uploads\/2025\/02\/Capture-decran-le-2025-02-05-a-11.49.36.jpg?fit=700%2C464&#038;ssl=1\" src=\"https:\/\/i0.wp.com\/itayachtscanada.com\/wp-content\/uploads\/2025\/02\/Capture-decran-le-2025-02-05-a-11.49.36.jpg?w=346&#038;h=229&#038;ssl=1\" srcset=\"https:\/\/i0.wp.com\/itayachtscanada.com\/wp-content\/uploads\/2025\/02\/Capture-decran-le-2025-02-05-a-11.49.36.jpg?w=1614&amp;ssl=1 1614w, https:\/\/i0.wp.com\/itayachtscanada.com\/wp-content\/uploads\/2025\/02\/Capture-decran-le-2025-02-05-a-11.49.36.jpg?resize=300%2C199&amp;ssl=1 300w, https:\/\/i0.wp.com\/itayachtscanada.com\/wp-content\/uploads\/2025\/02\/Capture-decran-le-2025-02-05-a-11.49.36.jpg?resize=1024%2C679&amp;ssl=1 1024w, https:\/\/i0.wp.com\/itayachtscanada.com\/wp-content\/uploads\/2025\/02\/Capture-decran-le-2025-02-05-a-11.49.36.jpg?resize=768%2C509&amp;ssl=1 768w, https:\/\/i0.wp.com\/itayachtscanada.com\/wp-content\/uploads\/2025\/02\/Capture-decran-le-2025-02-05-a-11.49.36.jpg?resize=1536%2C1018&amp;ssl=1 1536w, https:\/\/i0.wp.com\/itayachtscanada.com\/wp-content\/uploads\/2025\/02\/Capture-decran-le-2025-02-05-a-11.49.36.jpg?resize=700%2C464&amp;ssl=1 700w, https:\/\/i0.wp.com\/itayachtscanada.com\/wp-content\/uploads\/2025\/02\/Capture-decran-le-2025-02-05-a-11.49.36.jpg?resize=603%2C400&amp;ssl=1 603w, https:\/\/i0.wp.com\/itayachtscanada.com\/wp-content\/uploads\/2025\/02\/Capture-decran-le-2025-02-05-a-11.49.36.jpg?w=1400&amp;ssl=1 1400w\" width=\"346\" height=\"229\" loading=\"lazy\" data-original-width=\"346\" data-original-height=\"229\" itemprop=\"http:\/\/schema.org\/image\" title=\"Capture d\u2019e\u0301cran, le 2025-02-05 a\u0300 11.49.36\" alt=\"Capture d\u2019e\u0301cran, le 2025-02-05 a\u0300 11.49.36\" style=\"width: 346px; height: 229px;\" \/> <\/a> <\/div> <\/div> <!-- close group --> <\/div> <!-- close row --> <div class=\"gallery-row\" style=\"width: 700px; height: 311px;\" data-original-width=\"700\" data-original-height=\"311\" > <div class=\"gallery-group images-1\" style=\"width: 467px; height: 311px;\" data-original-width=\"467\" data-original-height=\"311\" > <div class=\"tiled-gallery-item tiled-gallery-item-large\" itemprop=\"associatedMedia\" itemscope itemtype=\"http:\/\/schema.org\/ImageObject\"> <a href=\"https:\/\/itayachtscanada.com\/fr\/listing\/ferretti-custom-line-106-2022-10888888-usd-for-sale\/capture-decran-le-2025-02-05-a-11-49-33\/\" border=\"0\" itemprop=\"url\"> <meta itemprop=\"width\" content=\"463\"> <meta itemprop=\"height\" content=\"307\"> <img decoding=\"async\" class=\"\" data-attachment-id=\"203519\" data-orig-file=\"https:\/\/itayachtscanada.com\/wp-content\/uploads\/2025\/02\/Capture-decran-le-2025-02-05-a-11.49.33.jpg\" data-orig-size=\"1614,1070\" data-comments-opened=\"1\" data-image-meta=\"{&quot;aperture&quot;:&quot;0&quot;,&quot;credit&quot;:&quot;&quot;,&quot;camera&quot;:&quot;&quot;,&quot;caption&quot;:&quot;&quot;,&quot;created_timestamp&quot;:&quot;0&quot;,&quot;copyright&quot;:&quot;&quot;,&quot;focal_length&quot;:&quot;0&quot;,&quot;iso&quot;:&quot;0&quot;,&quot;shutter_speed&quot;:&quot;0&quot;,&quot;title&quot;:&quot;&quot;,&quot;orientation&quot;:&quot;0&quot;}\" data-image-title=\"Capture d\u2019e\u0301cran, le 2025-02-05 a\u0300 11.49.33\" data-image-description=\"\" data-medium-file=\"https:\/\/i0.wp.com\/itayachtscanada.com\/wp-content\/uploads\/2025\/02\/Capture-decran-le-2025-02-05-a-11.49.33.jpg?fit=300%2C199&#038;ssl=1\" data-large-file=\"https:\/\/i0.wp.com\/itayachtscanada.com\/wp-content\/uploads\/2025\/02\/Capture-decran-le-2025-02-05-a-11.49.33.jpg?fit=700%2C464&#038;ssl=1\" src=\"https:\/\/i0.wp.com\/itayachtscanada.com\/wp-content\/uploads\/2025\/02\/Capture-decran-le-2025-02-05-a-11.49.33.jpg?w=463&#038;h=307&#038;ssl=1\" srcset=\"https:\/\/i0.wp.com\/itayachtscanada.com\/wp-content\/uploads\/2025\/02\/Capture-decran-le-2025-02-05-a-11.49.33.jpg?w=1614&amp;ssl=1 1614w, https:\/\/i0.wp.com\/itayachtscanada.com\/wp-content\/uploads\/2025\/02\/Capture-decran-le-2025-02-05-a-11.49.33.jpg?resize=300%2C199&amp;ssl=1 300w, https:\/\/i0.wp.com\/itayachtscanada.com\/wp-content\/uploads\/2025\/02\/Capture-decran-le-2025-02-05-a-11.49.33.jpg?resize=1024%2C679&amp;ssl=1 1024w, https:\/\/i0.wp.com\/itayachtscanada.com\/wp-content\/uploads\/2025\/02\/Capture-decran-le-2025-02-05-a-11.49.33.jpg?resize=768%2C509&amp;ssl=1 768w, https:\/\/i0.wp.com\/itayachtscanada.com\/wp-content\/uploads\/2025\/02\/Capture-decran-le-2025-02-05-a-11.49.33.jpg?resize=1536%2C1018&amp;ssl=1 1536w, https:\/\/i0.wp.com\/itayachtscanada.com\/wp-content\/uploads\/2025\/02\/Capture-decran-le-2025-02-05-a-11.49.33.jpg?resize=700%2C464&amp;ssl=1 700w, https:\/\/i0.wp.com\/itayachtscanada.com\/wp-content\/uploads\/2025\/02\/Capture-decran-le-2025-02-05-a-11.49.33.jpg?resize=603%2C400&amp;ssl=1 603w, https:\/\/i0.wp.com\/itayachtscanada.com\/wp-content\/uploads\/2025\/02\/Capture-decran-le-2025-02-05-a-11.49.33.jpg?w=1400&amp;ssl=1 1400w\" width=\"463\" height=\"307\" loading=\"lazy\" data-original-width=\"463\" data-original-height=\"307\" itemprop=\"http:\/\/schema.org\/image\" title=\"Capture d\u2019e\u0301cran, le 2025-02-05 a\u0300 11.49.33\" alt=\"Capture d\u2019e\u0301cran, le 2025-02-05 a\u0300 11.49.33\" style=\"width: 463px; height: 307px;\" \/> <\/a> <\/div> <\/div> <!-- close group --> <div class=\"gallery-group images-2\" style=\"width: 233px; height: 311px;\" data-original-width=\"233\" data-original-height=\"311\" > <div class=\"tiled-gallery-item tiled-gallery-item-small\" itemprop=\"associatedMedia\" itemscope itemtype=\"http:\/\/schema.org\/ImageObject\"> <a href=\"https:\/\/itayachtscanada.com\/fr\/listing\/ferretti-custom-line-106-2022-10888888-usd-for-sale\/capture-decran-le-2025-02-05-a-11-49-30\/\" border=\"0\" itemprop=\"url\"> <meta itemprop=\"width\" content=\"229\"> <meta itemprop=\"height\" content=\"152\"> <img decoding=\"async\" class=\"\" data-attachment-id=\"203520\" data-orig-file=\"https:\/\/itayachtscanada.com\/wp-content\/uploads\/2025\/02\/Capture-decran-le-2025-02-05-a-11.49.30.jpg\" data-orig-size=\"1614,1070\" data-comments-opened=\"1\" data-image-meta=\"{&quot;aperture&quot;:&quot;0&quot;,&quot;credit&quot;:&quot;&quot;,&quot;camera&quot;:&quot;&quot;,&quot;caption&quot;:&quot;&quot;,&quot;created_timestamp&quot;:&quot;0&quot;,&quot;copyright&quot;:&quot;&quot;,&quot;focal_length&quot;:&quot;0&quot;,&quot;iso&quot;:&quot;0&quot;,&quot;shutter_speed&quot;:&quot;0&quot;,&quot;title&quot;:&quot;&quot;,&quot;orientation&quot;:&quot;0&quot;}\" data-image-title=\"Capture d\u2019e\u0301cran, le 2025-02-05 a\u0300 11.49.30\" data-image-description=\"\" data-medium-file=\"https:\/\/i0.wp.com\/itayachtscanada.com\/wp-content\/uploads\/2025\/02\/Capture-decran-le-2025-02-05-a-11.49.30.jpg?fit=300%2C199&#038;ssl=1\" data-large-file=\"https:\/\/i0.wp.com\/itayachtscanada.com\/wp-content\/uploads\/2025\/02\/Capture-decran-le-2025-02-05-a-11.49.30.jpg?fit=700%2C464&#038;ssl=1\" src=\"https:\/\/i0.wp.com\/itayachtscanada.com\/wp-content\/uploads\/2025\/02\/Capture-decran-le-2025-02-05-a-11.49.30.jpg?w=229&#038;h=152&#038;ssl=1\" srcset=\"https:\/\/i0.wp.com\/itayachtscanada.com\/wp-content\/uploads\/2025\/02\/Capture-decran-le-2025-02-05-a-11.49.30.jpg?w=1614&amp;ssl=1 1614w, https:\/\/i0.wp.com\/itayachtscanada.com\/wp-content\/uploads\/2025\/02\/Capture-decran-le-2025-02-05-a-11.49.30.jpg?resize=300%2C199&amp;ssl=1 300w, https:\/\/i0.wp.com\/itayachtscanada.com\/wp-content\/uploads\/2025\/02\/Capture-decran-le-2025-02-05-a-11.49.30.jpg?resize=1024%2C679&amp;ssl=1 1024w, https:\/\/i0.wp.com\/itayachtscanada.com\/wp-content\/uploads\/2025\/02\/Capture-decran-le-2025-02-05-a-11.49.30.jpg?resize=768%2C509&amp;ssl=1 768w, https:\/\/i0.wp.com\/itayachtscanada.com\/wp-content\/uploads\/2025\/02\/Capture-decran-le-2025-02-05-a-11.49.30.jpg?resize=1536%2C1018&amp;ssl=1 1536w, https:\/\/i0.wp.com\/itayachtscanada.com\/wp-content\/uploads\/2025\/02\/Capture-decran-le-2025-02-05-a-11.49.30.jpg?resize=700%2C464&amp;ssl=1 700w, https:\/\/i0.wp.com\/itayachtscanada.com\/wp-content\/uploads\/2025\/02\/Capture-decran-le-2025-02-05-a-11.49.30.jpg?resize=900%2C600&amp;ssl=1 900w, https:\/\/i0.wp.com\/itayachtscanada.com\/wp-content\/uploads\/2025\/02\/Capture-decran-le-2025-02-05-a-11.49.30.jpg?resize=603%2C400&amp;ssl=1 603w, https:\/\/i0.wp.com\/itayachtscanada.com\/wp-content\/uploads\/2025\/02\/Capture-decran-le-2025-02-05-a-11.49.30.jpg?w=1400&amp;ssl=1 1400w\" width=\"229\" height=\"152\" loading=\"lazy\" data-original-width=\"229\" data-original-height=\"152\" itemprop=\"http:\/\/schema.org\/image\" title=\"Capture d\u2019e\u0301cran, le 2025-02-05 a\u0300 11.49.30\" alt=\"Capture d\u2019e\u0301cran, le 2025-02-05 a\u0300 11.49.30\" style=\"width: 229px; height: 152px;\" \/> <\/a> <\/div> <div class=\"tiled-gallery-item tiled-gallery-item-small\" itemprop=\"associatedMedia\" itemscope itemtype=\"http:\/\/schema.org\/ImageObject\"> <a href=\"https:\/\/itayachtscanada.com\/fr\/listing\/ferretti-custom-line-106-2022-10888888-usd-for-sale\/capture-decran-le-2025-02-05-a-11-49-24\/\" border=\"0\" itemprop=\"url\"> <meta itemprop=\"width\" content=\"229\"> <meta itemprop=\"height\" content=\"151\"> <img decoding=\"async\" class=\"\" data-attachment-id=\"203522\" data-orig-file=\"https:\/\/itayachtscanada.com\/wp-content\/uploads\/2025\/02\/Capture-decran-le-2025-02-05-a-11.49.24.jpg\" data-orig-size=\"1614,1070\" data-comments-opened=\"1\" data-image-meta=\"{&quot;aperture&quot;:&quot;0&quot;,&quot;credit&quot;:&quot;&quot;,&quot;camera&quot;:&quot;&quot;,&quot;caption&quot;:&quot;&quot;,&quot;created_timestamp&quot;:&quot;0&quot;,&quot;copyright&quot;:&quot;&quot;,&quot;focal_length&quot;:&quot;0&quot;,&quot;iso&quot;:&quot;0&quot;,&quot;shutter_speed&quot;:&quot;0&quot;,&quot;title&quot;:&quot;&quot;,&quot;orientation&quot;:&quot;0&quot;}\" data-image-title=\"Capture d\u2019e\u0301cran, le 2025-02-05 a\u0300 11.49.24\" data-image-description=\"\" data-medium-file=\"https:\/\/i0.wp.com\/itayachtscanada.com\/wp-content\/uploads\/2025\/02\/Capture-decran-le-2025-02-05-a-11.49.24.jpg?fit=300%2C199&#038;ssl=1\" data-large-file=\"https:\/\/i0.wp.com\/itayachtscanada.com\/wp-content\/uploads\/2025\/02\/Capture-decran-le-2025-02-05-a-11.49.24.jpg?fit=700%2C464&#038;ssl=1\" src=\"https:\/\/i0.wp.com\/itayachtscanada.com\/wp-content\/uploads\/2025\/02\/Capture-decran-le-2025-02-05-a-11.49.24.jpg?w=229&#038;h=151&#038;ssl=1\" srcset=\"https:\/\/i0.wp.com\/itayachtscanada.com\/wp-content\/uploads\/2025\/02\/Capture-decran-le-2025-02-05-a-11.49.24.jpg?w=1614&amp;ssl=1 1614w, https:\/\/i0.wp.com\/itayachtscanada.com\/wp-content\/uploads\/2025\/02\/Capture-decran-le-2025-02-05-a-11.49.24.jpg?resize=300%2C199&amp;ssl=1 300w, https:\/\/i0.wp.com\/itayachtscanada.com\/wp-content\/uploads\/2025\/02\/Capture-decran-le-2025-02-05-a-11.49.24.jpg?resize=1024%2C679&amp;ssl=1 1024w, https:\/\/i0.wp.com\/itayachtscanada.com\/wp-content\/uploads\/2025\/02\/Capture-decran-le-2025-02-05-a-11.49.24.jpg?resize=768%2C509&amp;ssl=1 768w, https:\/\/i0.wp.com\/itayachtscanada.com\/wp-content\/uploads\/2025\/02\/Capture-decran-le-2025-02-05-a-11.49.24.jpg?resize=1536%2C1018&amp;ssl=1 1536w, https:\/\/i0.wp.com\/itayachtscanada.com\/wp-content\/uploads\/2025\/02\/Capture-decran-le-2025-02-05-a-11.49.24.jpg?resize=700%2C464&amp;ssl=1 700w, https:\/\/i0.wp.com\/itayachtscanada.com\/wp-content\/uploads\/2025\/02\/Capture-decran-le-2025-02-05-a-11.49.24.jpg?resize=603%2C400&amp;ssl=1 603w, https:\/\/i0.wp.com\/itayachtscanada.com\/wp-content\/uploads\/2025\/02\/Capture-decran-le-2025-02-05-a-11.49.24.jpg?w=1400&amp;ssl=1 1400w\" width=\"229\" height=\"151\" loading=\"lazy\" data-original-width=\"229\" data-original-height=\"151\" itemprop=\"http:\/\/schema.org\/image\" title=\"Capture d\u2019e\u0301cran, le 2025-02-05 a\u0300 11.49.24\" alt=\"Capture d\u2019e\u0301cran, le 2025-02-05 a\u0300 11.49.24\" style=\"width: 229px; height: 151px;\" \/> <\/a> <\/div> <\/div> <!-- close group --> <\/div> <!-- close row --> <div class=\"gallery-row\" style=\"width: 700px; height: 156px;\" data-original-width=\"700\" data-original-height=\"156\" > <div class=\"gallery-group images-1\" style=\"width: 234px; height: 156px;\" data-original-width=\"234\" data-original-height=\"156\" > <div class=\"tiled-gallery-item tiled-gallery-item-small\" itemprop=\"associatedMedia\" itemscope itemtype=\"http:\/\/schema.org\/ImageObject\"> <a href=\"https:\/\/itayachtscanada.com\/fr\/listing\/ferretti-custom-line-106-2022-10888888-usd-for-sale\/capture-decran-le-2025-02-05-a-11-49-22\/\" border=\"0\" itemprop=\"url\"> <meta itemprop=\"width\" content=\"230\"> <meta itemprop=\"height\" content=\"152\"> <img decoding=\"async\" class=\"\" data-attachment-id=\"203523\" data-orig-file=\"https:\/\/itayachtscanada.com\/wp-content\/uploads\/2025\/02\/Capture-decran-le-2025-02-05-a-11.49.22.jpg\" data-orig-size=\"1614,1070\" data-comments-opened=\"1\" data-image-meta=\"{&quot;aperture&quot;:&quot;0&quot;,&quot;credit&quot;:&quot;&quot;,&quot;camera&quot;:&quot;&quot;,&quot;caption&quot;:&quot;&quot;,&quot;created_timestamp&quot;:&quot;0&quot;,&quot;copyright&quot;:&quot;&quot;,&quot;focal_length&quot;:&quot;0&quot;,&quot;iso&quot;:&quot;0&quot;,&quot;shutter_speed&quot;:&quot;0&quot;,&quot;title&quot;:&quot;&quot;,&quot;orientation&quot;:&quot;0&quot;}\" data-image-title=\"Capture d\u2019e\u0301cran, le 2025-02-05 a\u0300 11.49.22\" data-image-description=\"\" data-medium-file=\"https:\/\/i0.wp.com\/itayachtscanada.com\/wp-content\/uploads\/2025\/02\/Capture-decran-le-2025-02-05-a-11.49.22.jpg?fit=300%2C199&#038;ssl=1\" data-large-file=\"https:\/\/i0.wp.com\/itayachtscanada.com\/wp-content\/uploads\/2025\/02\/Capture-decran-le-2025-02-05-a-11.49.22.jpg?fit=700%2C464&#038;ssl=1\" src=\"https:\/\/i0.wp.com\/itayachtscanada.com\/wp-content\/uploads\/2025\/02\/Capture-decran-le-2025-02-05-a-11.49.22.jpg?w=230&#038;h=152&#038;ssl=1\" srcset=\"https:\/\/i0.wp.com\/itayachtscanada.com\/wp-content\/uploads\/2025\/02\/Capture-decran-le-2025-02-05-a-11.49.22.jpg?w=1614&amp;ssl=1 1614w, https:\/\/i0.wp.com\/itayachtscanada.com\/wp-content\/uploads\/2025\/02\/Capture-decran-le-2025-02-05-a-11.49.22.jpg?resize=300%2C199&amp;ssl=1 300w, https:\/\/i0.wp.com\/itayachtscanada.com\/wp-content\/uploads\/2025\/02\/Capture-decran-le-2025-02-05-a-11.49.22.jpg?resize=1024%2C679&amp;ssl=1 1024w, https:\/\/i0.wp.com\/itayachtscanada.com\/wp-content\/uploads\/2025\/02\/Capture-decran-le-2025-02-05-a-11.49.22.jpg?resize=768%2C509&amp;ssl=1 768w, https:\/\/i0.wp.com\/itayachtscanada.com\/wp-content\/uploads\/2025\/02\/Capture-decran-le-2025-02-05-a-11.49.22.jpg?resize=1536%2C1018&amp;ssl=1 1536w, https:\/\/i0.wp.com\/itayachtscanada.com\/wp-content\/uploads\/2025\/02\/Capture-decran-le-2025-02-05-a-11.49.22.jpg?resize=700%2C464&amp;ssl=1 700w, https:\/\/i0.wp.com\/itayachtscanada.com\/wp-content\/uploads\/2025\/02\/Capture-decran-le-2025-02-05-a-11.49.22.jpg?resize=900%2C600&amp;ssl=1 900w, https:\/\/i0.wp.com\/itayachtscanada.com\/wp-content\/uploads\/2025\/02\/Capture-decran-le-2025-02-05-a-11.49.22.jpg?resize=603%2C400&amp;ssl=1 603w, https:\/\/i0.wp.com\/itayachtscanada.com\/wp-content\/uploads\/2025\/02\/Capture-decran-le-2025-02-05-a-11.49.22.jpg?w=1400&amp;ssl=1 1400w\" width=\"230\" height=\"152\" loading=\"lazy\" data-original-width=\"230\" data-original-height=\"152\" itemprop=\"http:\/\/schema.org\/image\" title=\"Capture d\u2019e\u0301cran, le 2025-02-05 a\u0300 11.49.22\" alt=\"Capture d\u2019e\u0301cran, le 2025-02-05 a\u0300 11.49.22\" style=\"width: 230px; height: 152px;\" \/> <\/a> <\/div> <\/div> <!-- close group --> <div class=\"gallery-group images-1\" style=\"width: 233px; height: 156px;\" data-original-width=\"233\" data-original-height=\"156\" > <div class=\"tiled-gallery-item tiled-gallery-item-small\" itemprop=\"associatedMedia\" itemscope itemtype=\"http:\/\/schema.org\/ImageObject\"> <a href=\"https:\/\/itayachtscanada.com\/fr\/listing\/ferretti-custom-line-106-2022-10888888-usd-for-sale\/capture-decran-le-2025-02-05-a-11-49-19\/\" border=\"0\" itemprop=\"url\"> <meta itemprop=\"width\" content=\"229\"> <meta itemprop=\"height\" content=\"152\"> <img decoding=\"async\" class=\"\" data-attachment-id=\"203524\" data-orig-file=\"https:\/\/itayachtscanada.com\/wp-content\/uploads\/2025\/02\/Capture-decran-le-2025-02-05-a-11.49.19.jpg\" data-orig-size=\"1614,1070\" data-comments-opened=\"1\" data-image-meta=\"{&quot;aperture&quot;:&quot;0&quot;,&quot;credit&quot;:&quot;&quot;,&quot;camera&quot;:&quot;&quot;,&quot;caption&quot;:&quot;&quot;,&quot;created_timestamp&quot;:&quot;0&quot;,&quot;copyright&quot;:&quot;&quot;,&quot;focal_length&quot;:&quot;0&quot;,&quot;iso&quot;:&quot;0&quot;,&quot;shutter_speed&quot;:&quot;0&quot;,&quot;title&quot;:&quot;&quot;,&quot;orientation&quot;:&quot;0&quot;}\" data-image-title=\"Capture d\u2019e\u0301cran, le 2025-02-05 a\u0300 11.49.19\" data-image-description=\"\" data-medium-file=\"https:\/\/i0.wp.com\/itayachtscanada.com\/wp-content\/uploads\/2025\/02\/Capture-decran-le-2025-02-05-a-11.49.19.jpg?fit=300%2C199&#038;ssl=1\" data-large-file=\"https:\/\/i0.wp.com\/itayachtscanada.com\/wp-content\/uploads\/2025\/02\/Capture-decran-le-2025-02-05-a-11.49.19.jpg?fit=700%2C464&#038;ssl=1\" src=\"https:\/\/i0.wp.com\/itayachtscanada.com\/wp-content\/uploads\/2025\/02\/Capture-decran-le-2025-02-05-a-11.49.19.jpg?w=229&#038;h=152&#038;ssl=1\" srcset=\"https:\/\/i0.wp.com\/itayachtscanada.com\/wp-content\/uploads\/2025\/02\/Capture-decran-le-2025-02-05-a-11.49.19.jpg?w=1614&amp;ssl=1 1614w, https:\/\/i0.wp.com\/itayachtscanada.com\/wp-content\/uploads\/2025\/02\/Capture-decran-le-2025-02-05-a-11.49.19.jpg?resize=300%2C199&amp;ssl=1 300w, https:\/\/i0.wp.com\/itayachtscanada.com\/wp-content\/uploads\/2025\/02\/Capture-decran-le-2025-02-05-a-11.49.19.jpg?resize=1024%2C679&amp;ssl=1 1024w, https:\/\/i0.wp.com\/itayachtscanada.com\/wp-content\/uploads\/2025\/02\/Capture-decran-le-2025-02-05-a-11.49.19.jpg?resize=768%2C509&amp;ssl=1 768w, https:\/\/i0.wp.com\/itayachtscanada.com\/wp-content\/uploads\/2025\/02\/Capture-decran-le-2025-02-05-a-11.49.19.jpg?resize=1536%2C1018&amp;ssl=1 1536w, https:\/\/i0.wp.com\/itayachtscanada.com\/wp-content\/uploads\/2025\/02\/Capture-decran-le-2025-02-05-a-11.49.19.jpg?resize=700%2C464&amp;ssl=1 700w, https:\/\/i0.wp.com\/itayachtscanada.com\/wp-content\/uploads\/2025\/02\/Capture-decran-le-2025-02-05-a-11.49.19.jpg?resize=900%2C600&amp;ssl=1 900w, https:\/\/i0.wp.com\/itayachtscanada.com\/wp-content\/uploads\/2025\/02\/Capture-decran-le-2025-02-05-a-11.49.19.jpg?resize=603%2C400&amp;ssl=1 603w, https:\/\/i0.wp.com\/itayachtscanada.com\/wp-content\/uploads\/2025\/02\/Capture-decran-le-2025-02-05-a-11.49.19.jpg?w=1400&amp;ssl=1 1400w\" width=\"229\" height=\"152\" loading=\"lazy\" data-original-width=\"229\" data-original-height=\"152\" itemprop=\"http:\/\/schema.org\/image\" title=\"Capture d\u2019e\u0301cran, le 2025-02-05 a\u0300 11.49.19\" alt=\"Capture d\u2019e\u0301cran, le 2025-02-05 a\u0300 11.49.19\" style=\"width: 229px; height: 152px;\" \/> <\/a> <\/div> <\/div> <!-- close group --> <div class=\"gallery-group images-1\" style=\"width: 233px; height: 156px;\" data-original-width=\"233\" data-original-height=\"156\" > <div class=\"tiled-gallery-item tiled-gallery-item-small\" itemprop=\"associatedMedia\" itemscope itemtype=\"http:\/\/schema.org\/ImageObject\"> <a href=\"https:\/\/itayachtscanada.com\/fr\/listing\/ferretti-custom-line-106-2022-10888888-usd-for-sale\/capture-decran-le-2025-02-05-a-11-49-16\/\" border=\"0\" itemprop=\"url\"> <meta itemprop=\"width\" content=\"229\"> <meta itemprop=\"height\" content=\"152\"> <img decoding=\"async\" class=\"\" data-attachment-id=\"203525\" data-orig-file=\"https:\/\/itayachtscanada.com\/wp-content\/uploads\/2025\/02\/Capture-decran-le-2025-02-05-a-11.49.16.jpg\" data-orig-size=\"1614,1070\" data-comments-opened=\"1\" data-image-meta=\"{&quot;aperture&quot;:&quot;0&quot;,&quot;credit&quot;:&quot;&quot;,&quot;camera&quot;:&quot;&quot;,&quot;caption&quot;:&quot;&quot;,&quot;created_timestamp&quot;:&quot;0&quot;,&quot;copyright&quot;:&quot;&quot;,&quot;focal_length&quot;:&quot;0&quot;,&quot;iso&quot;:&quot;0&quot;,&quot;shutter_speed&quot;:&quot;0&quot;,&quot;title&quot;:&quot;&quot;,&quot;orientation&quot;:&quot;0&quot;}\" data-image-title=\"Capture d\u2019e\u0301cran, le 2025-02-05 a\u0300 11.49.16\" data-image-description=\"\" data-medium-file=\"https:\/\/i0.wp.com\/itayachtscanada.com\/wp-content\/uploads\/2025\/02\/Capture-decran-le-2025-02-05-a-11.49.16.jpg?fit=300%2C199&#038;ssl=1\" data-large-file=\"https:\/\/i0.wp.com\/itayachtscanada.com\/wp-content\/uploads\/2025\/02\/Capture-decran-le-2025-02-05-a-11.49.16.jpg?fit=700%2C464&#038;ssl=1\" src=\"https:\/\/i0.wp.com\/itayachtscanada.com\/wp-content\/uploads\/2025\/02\/Capture-decran-le-2025-02-05-a-11.49.16.jpg?w=229&#038;h=152&#038;ssl=1\" srcset=\"https:\/\/i0.wp.com\/itayachtscanada.com\/wp-content\/uploads\/2025\/02\/Capture-decran-le-2025-02-05-a-11.49.16.jpg?w=1614&amp;ssl=1 1614w, https:\/\/i0.wp.com\/itayachtscanada.com\/wp-content\/uploads\/2025\/02\/Capture-decran-le-2025-02-05-a-11.49.16.jpg?resize=300%2C199&amp;ssl=1 300w, https:\/\/i0.wp.com\/itayachtscanada.com\/wp-content\/uploads\/2025\/02\/Capture-decran-le-2025-02-05-a-11.49.16.jpg?resize=1024%2C679&amp;ssl=1 1024w, https:\/\/i0.wp.com\/itayachtscanada.com\/wp-content\/uploads\/2025\/02\/Capture-decran-le-2025-02-05-a-11.49.16.jpg?resize=768%2C509&amp;ssl=1 768w, https:\/\/i0.wp.com\/itayachtscanada.com\/wp-content\/uploads\/2025\/02\/Capture-decran-le-2025-02-05-a-11.49.16.jpg?resize=1536%2C1018&amp;ssl=1 1536w, https:\/\/i0.wp.com\/itayachtscanada.com\/wp-content\/uploads\/2025\/02\/Capture-decran-le-2025-02-05-a-11.49.16.jpg?resize=700%2C464&amp;ssl=1 700w, https:\/\/i0.wp.com\/itayachtscanada.com\/wp-content\/uploads\/2025\/02\/Capture-decran-le-2025-02-05-a-11.49.16.jpg?resize=900%2C600&amp;ssl=1 900w, https:\/\/i0.wp.com\/itayachtscanada.com\/wp-content\/uploads\/2025\/02\/Capture-decran-le-2025-02-05-a-11.49.16.jpg?resize=603%2C400&amp;ssl=1 603w, https:\/\/i0.wp.com\/itayachtscanada.com\/wp-content\/uploads\/2025\/02\/Capture-decran-le-2025-02-05-a-11.49.16.jpg?w=1400&amp;ssl=1 1400w\" width=\"229\" height=\"152\" loading=\"lazy\" data-original-width=\"229\" data-original-height=\"152\" itemprop=\"http:\/\/schema.org\/image\" title=\"Capture d\u2019e\u0301cran, le 2025-02-05 a\u0300 11.49.16\" alt=\"Capture d\u2019e\u0301cran, le 2025-02-05 a\u0300 11.49.16\" style=\"width: 229px; height: 152px;\" \/> <\/a> <\/div> <\/div> <!-- close group --> <\/div> <!-- close row --> <div class=\"gallery-row\" style=\"width: 700px; height: 311px;\" data-original-width=\"700\" data-original-height=\"311\" > <div class=\"gallery-group images-2\" style=\"width: 233px; height: 311px;\" data-original-width=\"233\" data-original-height=\"311\" > <div class=\"tiled-gallery-item tiled-gallery-item-small\" itemprop=\"associatedMedia\" itemscope itemtype=\"http:\/\/schema.org\/ImageObject\"> <a href=\"https:\/\/itayachtscanada.com\/fr\/listing\/ferretti-custom-line-106-2022-10888888-usd-for-sale\/capture-decran-le-2025-02-05-a-11-49-13\/\" border=\"0\" itemprop=\"url\"> <meta itemprop=\"width\" content=\"229\"> <meta itemprop=\"height\" content=\"152\"> <img decoding=\"async\" class=\"\" data-attachment-id=\"203526\" data-orig-file=\"https:\/\/itayachtscanada.com\/wp-content\/uploads\/2025\/02\/Capture-decran-le-2025-02-05-a-11.49.13.jpg\" data-orig-size=\"1614,1070\" data-comments-opened=\"1\" data-image-meta=\"{&quot;aperture&quot;:&quot;0&quot;,&quot;credit&quot;:&quot;&quot;,&quot;camera&quot;:&quot;&quot;,&quot;caption&quot;:&quot;&quot;,&quot;created_timestamp&quot;:&quot;0&quot;,&quot;copyright&quot;:&quot;&quot;,&quot;focal_length&quot;:&quot;0&quot;,&quot;iso&quot;:&quot;0&quot;,&quot;shutter_speed&quot;:&quot;0&quot;,&quot;title&quot;:&quot;&quot;,&quot;orientation&quot;:&quot;0&quot;}\" data-image-title=\"Capture d\u2019e\u0301cran, le 2025-02-05 a\u0300 11.49.13\" data-image-description=\"\" data-medium-file=\"https:\/\/i0.wp.com\/itayachtscanada.com\/wp-content\/uploads\/2025\/02\/Capture-decran-le-2025-02-05-a-11.49.13.jpg?fit=300%2C199&#038;ssl=1\" data-large-file=\"https:\/\/i0.wp.com\/itayachtscanada.com\/wp-content\/uploads\/2025\/02\/Capture-decran-le-2025-02-05-a-11.49.13.jpg?fit=700%2C464&#038;ssl=1\" src=\"https:\/\/i0.wp.com\/itayachtscanada.com\/wp-content\/uploads\/2025\/02\/Capture-decran-le-2025-02-05-a-11.49.13.jpg?w=229&#038;h=152&#038;ssl=1\" srcset=\"https:\/\/i0.wp.com\/itayachtscanada.com\/wp-content\/uploads\/2025\/02\/Capture-decran-le-2025-02-05-a-11.49.13.jpg?w=1614&amp;ssl=1 1614w, https:\/\/i0.wp.com\/itayachtscanada.com\/wp-content\/uploads\/2025\/02\/Capture-decran-le-2025-02-05-a-11.49.13.jpg?resize=300%2C199&amp;ssl=1 300w, https:\/\/i0.wp.com\/itayachtscanada.com\/wp-content\/uploads\/2025\/02\/Capture-decran-le-2025-02-05-a-11.49.13.jpg?resize=1024%2C679&amp;ssl=1 1024w, https:\/\/i0.wp.com\/itayachtscanada.com\/wp-content\/uploads\/2025\/02\/Capture-decran-le-2025-02-05-a-11.49.13.jpg?resize=768%2C509&amp;ssl=1 768w, https:\/\/i0.wp.com\/itayachtscanada.com\/wp-content\/uploads\/2025\/02\/Capture-decran-le-2025-02-05-a-11.49.13.jpg?resize=1536%2C1018&amp;ssl=1 1536w, https:\/\/i0.wp.com\/itayachtscanada.com\/wp-content\/uploads\/2025\/02\/Capture-decran-le-2025-02-05-a-11.49.13.jpg?resize=700%2C464&amp;ssl=1 700w, https:\/\/i0.wp.com\/itayachtscanada.com\/wp-content\/uploads\/2025\/02\/Capture-decran-le-2025-02-05-a-11.49.13.jpg?resize=900%2C600&amp;ssl=1 900w, https:\/\/i0.wp.com\/itayachtscanada.com\/wp-content\/uploads\/2025\/02\/Capture-decran-le-2025-02-05-a-11.49.13.jpg?resize=603%2C400&amp;ssl=1 603w, https:\/\/i0.wp.com\/itayachtscanada.com\/wp-content\/uploads\/2025\/02\/Capture-decran-le-2025-02-05-a-11.49.13.jpg?w=1400&amp;ssl=1 1400w\" width=\"229\" height=\"152\" loading=\"lazy\" data-original-width=\"229\" data-original-height=\"152\" itemprop=\"http:\/\/schema.org\/image\" title=\"Capture d\u2019e\u0301cran, le 2025-02-05 a\u0300 11.49.13\" alt=\"Capture d\u2019e\u0301cran, le 2025-02-05 a\u0300 11.49.13\" style=\"width: 229px; height: 152px;\" \/> <\/a> <\/div> <div class=\"tiled-gallery-item tiled-gallery-item-small\" itemprop=\"associatedMedia\" itemscope itemtype=\"http:\/\/schema.org\/ImageObject\"> <a href=\"https:\/\/itayachtscanada.com\/fr\/listing\/ferretti-custom-line-106-2022-10888888-usd-for-sale\/capture-decran-le-2025-02-05-a-11-49-10\/\" border=\"0\" itemprop=\"url\"> <meta itemprop=\"width\" content=\"229\"> <meta itemprop=\"height\" content=\"151\"> <img decoding=\"async\" class=\"\" data-attachment-id=\"203527\" data-orig-file=\"https:\/\/itayachtscanada.com\/wp-content\/uploads\/2025\/02\/Capture-decran-le-2025-02-05-a-11.49.10.jpg\" data-orig-size=\"1614,1070\" data-comments-opened=\"1\" data-image-meta=\"{&quot;aperture&quot;:&quot;0&quot;,&quot;credit&quot;:&quot;&quot;,&quot;camera&quot;:&quot;&quot;,&quot;caption&quot;:&quot;&quot;,&quot;created_timestamp&quot;:&quot;0&quot;,&quot;copyright&quot;:&quot;&quot;,&quot;focal_length&quot;:&quot;0&quot;,&quot;iso&quot;:&quot;0&quot;,&quot;shutter_speed&quot;:&quot;0&quot;,&quot;title&quot;:&quot;&quot;,&quot;orientation&quot;:&quot;0&quot;}\" data-image-title=\"Capture d\u2019e\u0301cran, le 2025-02-05 a\u0300 11.49.10\" data-image-description=\"\" data-medium-file=\"https:\/\/i0.wp.com\/itayachtscanada.com\/wp-content\/uploads\/2025\/02\/Capture-decran-le-2025-02-05-a-11.49.10.jpg?fit=300%2C199&#038;ssl=1\" data-large-file=\"https:\/\/i0.wp.com\/itayachtscanada.com\/wp-content\/uploads\/2025\/02\/Capture-decran-le-2025-02-05-a-11.49.10.jpg?fit=700%2C464&#038;ssl=1\" src=\"https:\/\/i0.wp.com\/itayachtscanada.com\/wp-content\/uploads\/2025\/02\/Capture-decran-le-2025-02-05-a-11.49.10.jpg?w=229&#038;h=151&#038;ssl=1\" srcset=\"https:\/\/i0.wp.com\/itayachtscanada.com\/wp-content\/uploads\/2025\/02\/Capture-decran-le-2025-02-05-a-11.49.10.jpg?w=1614&amp;ssl=1 1614w, https:\/\/i0.wp.com\/itayachtscanada.com\/wp-content\/uploads\/2025\/02\/Capture-decran-le-2025-02-05-a-11.49.10.jpg?resize=300%2C199&amp;ssl=1 300w, https:\/\/i0.wp.com\/itayachtscanada.com\/wp-content\/uploads\/2025\/02\/Capture-decran-le-2025-02-05-a-11.49.10.jpg?resize=1024%2C679&amp;ssl=1 1024w, https:\/\/i0.wp.com\/itayachtscanada.com\/wp-content\/uploads\/2025\/02\/Capture-decran-le-2025-02-05-a-11.49.10.jpg?resize=768%2C509&amp;ssl=1 768w, https:\/\/i0.wp.com\/itayachtscanada.com\/wp-content\/uploads\/2025\/02\/Capture-decran-le-2025-02-05-a-11.49.10.jpg?resize=1536%2C1018&amp;ssl=1 1536w, https:\/\/i0.wp.com\/itayachtscanada.com\/wp-content\/uploads\/2025\/02\/Capture-decran-le-2025-02-05-a-11.49.10.jpg?resize=700%2C464&amp;ssl=1 700w, https:\/\/i0.wp.com\/itayachtscanada.com\/wp-content\/uploads\/2025\/02\/Capture-decran-le-2025-02-05-a-11.49.10.jpg?resize=603%2C400&amp;ssl=1 603w, https:\/\/i0.wp.com\/itayachtscanada.com\/wp-content\/uploads\/2025\/02\/Capture-decran-le-2025-02-05-a-11.49.10.jpg?w=1400&amp;ssl=1 1400w\" width=\"229\" height=\"151\" loading=\"lazy\" data-original-width=\"229\" data-original-height=\"151\" itemprop=\"http:\/\/schema.org\/image\" title=\"Capture d\u2019e\u0301cran, le 2025-02-05 a\u0300 11.49.10\" alt=\"Capture d\u2019e\u0301cran, le 2025-02-05 a\u0300 11.49.10\" style=\"width: 229px; height: 151px;\" \/> <\/a> <\/div> <\/div> <!-- close group --> <div class=\"gallery-group images-1\" style=\"width: 467px; height: 311px;\" data-original-width=\"467\" data-original-height=\"311\" > <div class=\"tiled-gallery-item tiled-gallery-item-large\" itemprop=\"associatedMedia\" itemscope itemtype=\"http:\/\/schema.org\/ImageObject\"> <a href=\"https:\/\/itayachtscanada.com\/fr\/listing\/ferretti-custom-line-106-2022-10888888-usd-for-sale\/capture-decran-le-2025-02-05-a-11-49-07\/\" border=\"0\" itemprop=\"url\"> <meta itemprop=\"width\" content=\"463\"> <meta itemprop=\"height\" content=\"307\"> <img decoding=\"async\" class=\"\" data-attachment-id=\"203528\" data-orig-file=\"https:\/\/itayachtscanada.com\/wp-content\/uploads\/2025\/02\/Capture-decran-le-2025-02-05-a-11.49.07.jpg\" data-orig-size=\"1614,1070\" data-comments-opened=\"1\" data-image-meta=\"{&quot;aperture&quot;:&quot;0&quot;,&quot;credit&quot;:&quot;&quot;,&quot;camera&quot;:&quot;&quot;,&quot;caption&quot;:&quot;&quot;,&quot;created_timestamp&quot;:&quot;0&quot;,&quot;copyright&quot;:&quot;&quot;,&quot;focal_length&quot;:&quot;0&quot;,&quot;iso&quot;:&quot;0&quot;,&quot;shutter_speed&quot;:&quot;0&quot;,&quot;title&quot;:&quot;&quot;,&quot;orientation&quot;:&quot;0&quot;}\" data-image-title=\"Capture d\u2019e\u0301cran, le 2025-02-05 a\u0300 11.49.07\" data-image-description=\"\" data-medium-file=\"https:\/\/i0.wp.com\/itayachtscanada.com\/wp-content\/uploads\/2025\/02\/Capture-decran-le-2025-02-05-a-11.49.07.jpg?fit=300%2C199&#038;ssl=1\" data-large-file=\"https:\/\/i0.wp.com\/itayachtscanada.com\/wp-content\/uploads\/2025\/02\/Capture-decran-le-2025-02-05-a-11.49.07.jpg?fit=700%2C464&#038;ssl=1\" src=\"https:\/\/i0.wp.com\/itayachtscanada.com\/wp-content\/uploads\/2025\/02\/Capture-decran-le-2025-02-05-a-11.49.07.jpg?w=463&#038;h=307&#038;ssl=1\" srcset=\"https:\/\/i0.wp.com\/itayachtscanada.com\/wp-content\/uploads\/2025\/02\/Capture-decran-le-2025-02-05-a-11.49.07.jpg?w=1614&amp;ssl=1 1614w, https:\/\/i0.wp.com\/itayachtscanada.com\/wp-content\/uploads\/2025\/02\/Capture-decran-le-2025-02-05-a-11.49.07.jpg?resize=300%2C199&amp;ssl=1 300w, https:\/\/i0.wp.com\/itayachtscanada.com\/wp-content\/uploads\/2025\/02\/Capture-decran-le-2025-02-05-a-11.49.07.jpg?resize=1024%2C679&amp;ssl=1 1024w, https:\/\/i0.wp.com\/itayachtscanada.com\/wp-content\/uploads\/2025\/02\/Capture-decran-le-2025-02-05-a-11.49.07.jpg?resize=768%2C509&amp;ssl=1 768w, https:\/\/i0.wp.com\/itayachtscanada.com\/wp-content\/uploads\/2025\/02\/Capture-decran-le-2025-02-05-a-11.49.07.jpg?resize=1536%2C1018&amp;ssl=1 1536w, https:\/\/i0.wp.com\/itayachtscanada.com\/wp-content\/uploads\/2025\/02\/Capture-decran-le-2025-02-05-a-11.49.07.jpg?resize=700%2C464&amp;ssl=1 700w, https:\/\/i0.wp.com\/itayachtscanada.com\/wp-content\/uploads\/2025\/02\/Capture-decran-le-2025-02-05-a-11.49.07.jpg?resize=603%2C400&amp;ssl=1 603w, https:\/\/i0.wp.com\/itayachtscanada.com\/wp-content\/uploads\/2025\/02\/Capture-decran-le-2025-02-05-a-11.49.07.jpg?w=1400&amp;ssl=1 1400w\" width=\"463\" height=\"307\" loading=\"lazy\" data-original-width=\"463\" data-original-height=\"307\" itemprop=\"http:\/\/schema.org\/image\" title=\"Capture d\u2019e\u0301cran, le 2025-02-05 a\u0300 11.49.07\" alt=\"Capture d\u2019e\u0301cran, le 2025-02-05 a\u0300 11.49.07\" style=\"width: 463px; height: 307px;\" \/> <\/a> <\/div> <\/div> <!-- close group --> <\/div> <!-- close row --> <div class=\"gallery-row\" style=\"width: 700px; height: 324px;\" data-original-width=\"700\" data-original-height=\"324\" > <div class=\"gallery-group images-1\" style=\"width: 487px; height: 324px;\" data-original-width=\"487\" data-original-height=\"324\" > <div class=\"tiled-gallery-item tiled-gallery-item-large\" itemprop=\"associatedMedia\" itemscope itemtype=\"http:\/\/schema.org\/ImageObject\"> <a href=\"https:\/\/itayachtscanada.com\/fr\/listing\/ferretti-custom-line-106-2022-10888888-usd-for-sale\/capture-decran-le-2025-02-05-a-11-49-04\/\" border=\"0\" itemprop=\"url\"> <meta itemprop=\"width\" content=\"483\"> <meta itemprop=\"height\" content=\"320\"> <img decoding=\"async\" class=\"\" data-attachment-id=\"203529\" data-orig-file=\"https:\/\/itayachtscanada.com\/wp-content\/uploads\/2025\/02\/Capture-decran-le-2025-02-05-a-11.49.04.jpg\" data-orig-size=\"1614,1070\" data-comments-opened=\"1\" data-image-meta=\"{&quot;aperture&quot;:&quot;0&quot;,&quot;credit&quot;:&quot;&quot;,&quot;camera&quot;:&quot;&quot;,&quot;caption&quot;:&quot;&quot;,&quot;created_timestamp&quot;:&quot;0&quot;,&quot;copyright&quot;:&quot;&quot;,&quot;focal_length&quot;:&quot;0&quot;,&quot;iso&quot;:&quot;0&quot;,&quot;shutter_speed&quot;:&quot;0&quot;,&quot;title&quot;:&quot;&quot;,&quot;orientation&quot;:&quot;0&quot;}\" data-image-title=\"Capture d\u2019e\u0301cran, le 2025-02-05 a\u0300 11.49.04\" data-image-description=\"\" data-medium-file=\"https:\/\/i0.wp.com\/itayachtscanada.com\/wp-content\/uploads\/2025\/02\/Capture-decran-le-2025-02-05-a-11.49.04.jpg?fit=300%2C199&#038;ssl=1\" data-large-file=\"https:\/\/i0.wp.com\/itayachtscanada.com\/wp-content\/uploads\/2025\/02\/Capture-decran-le-2025-02-05-a-11.49.04.jpg?fit=700%2C464&#038;ssl=1\" src=\"https:\/\/i0.wp.com\/itayachtscanada.com\/wp-content\/uploads\/2025\/02\/Capture-decran-le-2025-02-05-a-11.49.04.jpg?w=483&#038;h=320&#038;ssl=1\" srcset=\"https:\/\/i0.wp.com\/itayachtscanada.com\/wp-content\/uploads\/2025\/02\/Capture-decran-le-2025-02-05-a-11.49.04.jpg?w=1614&amp;ssl=1 1614w, https:\/\/i0.wp.com\/itayachtscanada.com\/wp-content\/uploads\/2025\/02\/Capture-decran-le-2025-02-05-a-11.49.04.jpg?resize=300%2C199&amp;ssl=1 300w, https:\/\/i0.wp.com\/itayachtscanada.com\/wp-content\/uploads\/2025\/02\/Capture-decran-le-2025-02-05-a-11.49.04.jpg?resize=1024%2C679&amp;ssl=1 1024w, https:\/\/i0.wp.com\/itayachtscanada.com\/wp-content\/uploads\/2025\/02\/Capture-decran-le-2025-02-05-a-11.49.04.jpg?resize=768%2C509&amp;ssl=1 768w, https:\/\/i0.wp.com\/itayachtscanada.com\/wp-content\/uploads\/2025\/02\/Capture-decran-le-2025-02-05-a-11.49.04.jpg?resize=1536%2C1018&amp;ssl=1 1536w, https:\/\/i0.wp.com\/itayachtscanada.com\/wp-content\/uploads\/2025\/02\/Capture-decran-le-2025-02-05-a-11.49.04.jpg?resize=700%2C464&amp;ssl=1 700w, https:\/\/i0.wp.com\/itayachtscanada.com\/wp-content\/uploads\/2025\/02\/Capture-decran-le-2025-02-05-a-11.49.04.jpg?resize=603%2C400&amp;ssl=1 603w, https:\/\/i0.wp.com\/itayachtscanada.com\/wp-content\/uploads\/2025\/02\/Capture-decran-le-2025-02-05-a-11.49.04.jpg?w=1400&amp;ssl=1 1400w\" width=\"483\" height=\"320\" loading=\"lazy\" data-original-width=\"483\" data-original-height=\"320\" itemprop=\"http:\/\/schema.org\/image\" title=\"Capture d\u2019e\u0301cran, le 2025-02-05 a\u0300 11.49.04\" alt=\"Capture d\u2019e\u0301cran, le 2025-02-05 a\u0300 11.49.04\" style=\"width: 483px; height: 320px;\" \/> <\/a> <\/div> <\/div> <!-- close group --> <div class=\"gallery-group images-1\" style=\"width: 213px; height: 324px;\" data-original-width=\"213\" data-original-height=\"324\" > <div class=\"tiled-gallery-item tiled-gallery-item-small\" itemprop=\"associatedMedia\" itemscope itemtype=\"http:\/\/schema.org\/ImageObject\"> <a href=\"https:\/\/itayachtscanada.com\/fr\/listing\/ferretti-custom-line-106-2022-10888888-usd-for-sale\/layout-ferretti-custom-line-106-2\/\" border=\"0\" itemprop=\"url\"> <meta itemprop=\"width\" content=\"209\"> <meta itemprop=\"height\" content=\"320\"> <img decoding=\"async\" class=\"\" data-attachment-id=\"203531\" data-orig-file=\"https:\/\/itayachtscanada.com\/wp-content\/uploads\/2025\/02\/Layout-Ferretti-Custom-Line-106.jpg\" data-orig-size=\"784,1204\" data-comments-opened=\"1\" data-image-meta=\"{&quot;aperture&quot;:&quot;0&quot;,&quot;credit&quot;:&quot;&quot;,&quot;camera&quot;:&quot;&quot;,&quot;caption&quot;:&quot;&quot;,&quot;created_timestamp&quot;:&quot;0&quot;,&quot;copyright&quot;:&quot;&quot;,&quot;focal_length&quot;:&quot;0&quot;,&quot;iso&quot;:&quot;0&quot;,&quot;shutter_speed&quot;:&quot;0&quot;,&quot;title&quot;:&quot;&quot;,&quot;orientation&quot;:&quot;0&quot;}\" data-image-title=\"Layout Ferretti Custom Line 106\" data-image-description=\"\" data-medium-file=\"https:\/\/i0.wp.com\/itayachtscanada.com\/wp-content\/uploads\/2025\/02\/Layout-Ferretti-Custom-Line-106.jpg?fit=195%2C300&#038;ssl=1\" data-large-file=\"https:\/\/i0.wp.com\/itayachtscanada.com\/wp-content\/uploads\/2025\/02\/Layout-Ferretti-Custom-Line-106.jpg?fit=667%2C1024&#038;ssl=1\" src=\"https:\/\/i0.wp.com\/itayachtscanada.com\/wp-content\/uploads\/2025\/02\/Layout-Ferretti-Custom-Line-106.jpg?w=209&#038;h=320&#038;ssl=1\" srcset=\"https:\/\/i0.wp.com\/itayachtscanada.com\/wp-content\/uploads\/2025\/02\/Layout-Ferretti-Custom-Line-106.jpg?w=784&amp;ssl=1 784w, https:\/\/i0.wp.com\/itayachtscanada.com\/wp-content\/uploads\/2025\/02\/Layout-Ferretti-Custom-Line-106.jpg?resize=195%2C300&amp;ssl=1 195w, https:\/\/i0.wp.com\/itayachtscanada.com\/wp-content\/uploads\/2025\/02\/Layout-Ferretti-Custom-Line-106.jpg?resize=667%2C1024&amp;ssl=1 667w, https:\/\/i0.wp.com\/itayachtscanada.com\/wp-content\/uploads\/2025\/02\/Layout-Ferretti-Custom-Line-106.jpg?resize=768%2C1179&amp;ssl=1 768w, https:\/\/i0.wp.com\/itayachtscanada.com\/wp-content\/uploads\/2025\/02\/Layout-Ferretti-Custom-Line-106.jpg?resize=700%2C1075&amp;ssl=1 700w\" width=\"209\" height=\"320\" loading=\"lazy\" data-original-width=\"209\" data-original-height=\"320\" itemprop=\"http:\/\/schema.org\/image\" title=\"Layout Ferretti Custom Line 106\" alt=\"Layout Ferretti Custom Line 106\" style=\"width: 209px; height: 320px;\" \/> <\/a> <\/div> <\/div> <!-- close group --> <\/div> <!-- close row --> <div class=\"gallery-row\" style=\"width: 700px; height: 465px;\" data-original-width=\"700\" data-original-height=\"465\" > <div class=\"gallery-group images-1\" style=\"width: 700px; height: 465px;\" data-original-width=\"700\" data-original-height=\"465\" > <div class=\"tiled-gallery-item tiled-gallery-item-large\" itemprop=\"associatedMedia\" itemscope itemtype=\"http:\/\/schema.org\/ImageObject\"> <a href=\"https:\/\/itayachtscanada.com\/fr\/listing\/ferretti-custom-line-106-2022-10888888-usd-for-sale\/capture-decran-le-2025-02-05-a-11-48-51\/\" border=\"0\" itemprop=\"url\"> <meta itemprop=\"width\" content=\"696\"> <meta itemprop=\"height\" content=\"461\"> <img decoding=\"async\" class=\"\" data-attachment-id=\"203530\" data-orig-file=\"https:\/\/itayachtscanada.com\/wp-content\/uploads\/2025\/02\/Capture-decran-le-2025-02-05-a-11.48.51.jpg\" data-orig-size=\"1614,1070\" data-comments-opened=\"1\" data-image-meta=\"{&quot;aperture&quot;:&quot;0&quot;,&quot;credit&quot;:&quot;&quot;,&quot;camera&quot;:&quot;&quot;,&quot;caption&quot;:&quot;&quot;,&quot;created_timestamp&quot;:&quot;0&quot;,&quot;copyright&quot;:&quot;&quot;,&quot;focal_length&quot;:&quot;0&quot;,&quot;iso&quot;:&quot;0&quot;,&quot;shutter_speed&quot;:&quot;0&quot;,&quot;title&quot;:&quot;&quot;,&quot;orientation&quot;:&quot;0&quot;}\" data-image-title=\"Capture d\u2019e\u0301cran, le 2025-02-05 a\u0300 11.48.51\" data-image-description=\"\" data-medium-file=\"https:\/\/i0.wp.com\/itayachtscanada.com\/wp-content\/uploads\/2025\/02\/Capture-decran-le-2025-02-05-a-11.48.51.jpg?fit=300%2C199&#038;ssl=1\" data-large-file=\"https:\/\/i0.wp.com\/itayachtscanada.com\/wp-content\/uploads\/2025\/02\/Capture-decran-le-2025-02-05-a-11.48.51.jpg?fit=700%2C464&#038;ssl=1\" src=\"https:\/\/i0.wp.com\/itayachtscanada.com\/wp-content\/uploads\/2025\/02\/Capture-decran-le-2025-02-05-a-11.48.51.jpg?w=696&#038;h=461&#038;ssl=1\" srcset=\"https:\/\/i0.wp.com\/itayachtscanada.com\/wp-content\/uploads\/2025\/02\/Capture-decran-le-2025-02-05-a-11.48.51.jpg?w=1614&amp;ssl=1 1614w, https:\/\/i0.wp.com\/itayachtscanada.com\/wp-content\/uploads\/2025\/02\/Capture-decran-le-2025-02-05-a-11.48.51.jpg?resize=300%2C199&amp;ssl=1 300w, https:\/\/i0.wp.com\/itayachtscanada.com\/wp-content\/uploads\/2025\/02\/Capture-decran-le-2025-02-05-a-11.48.51.jpg?resize=1024%2C679&amp;ssl=1 1024w, https:\/\/i0.wp.com\/itayachtscanada.com\/wp-content\/uploads\/2025\/02\/Capture-decran-le-2025-02-05-a-11.48.51.jpg?resize=768%2C509&amp;ssl=1 768w, https:\/\/i0.wp.com\/itayachtscanada.com\/wp-content\/uploads\/2025\/02\/Capture-decran-le-2025-02-05-a-11.48.51.jpg?resize=1536%2C1018&amp;ssl=1 1536w, https:\/\/i0.wp.com\/itayachtscanada.com\/wp-content\/uploads\/2025\/02\/Capture-decran-le-2025-02-05-a-11.48.51.jpg?resize=700%2C464&amp;ssl=1 700w, https:\/\/i0.wp.com\/itayachtscanada.com\/wp-content\/uploads\/2025\/02\/Capture-decran-le-2025-02-05-a-11.48.51.jpg?resize=603%2C400&amp;ssl=1 603w, https:\/\/i0.wp.com\/itayachtscanada.com\/wp-content\/uploads\/2025\/02\/Capture-decran-le-2025-02-05-a-11.48.51.jpg?w=1400&amp;ssl=1 1400w\" width=\"696\" height=\"461\" loading=\"lazy\" data-original-width=\"696\" data-original-height=\"461\" itemprop=\"http:\/\/schema.org\/image\" title=\"Capture d\u2019e\u0301cran, le 2025-02-05 a\u0300 11.48.51\" alt=\"Capture d\u2019e\u0301cran, le 2025-02-05 a\u0300 11.48.51\" style=\"width: 696px; height: 461px;\" \/> <\/a> <\/div> <\/div> <!-- close group --> <\/div> <!-- close row --> <\/div>\n<div class=\"jetpack-video-wrapper\"><span class=\"embed-youtube\" style=\"text-align:center; display: block;\"><iframe loading=\"lazy\" class=\"youtube-player\" width=\"700\" height=\"394\" src=\"https:\/\/www.youtube.com\/embed\/_1poPuyl9TA?version=3&#038;rel=1&#038;showsearch=0&#038;showinfo=1&#038;iv_load_policy=1&#038;fs=1&#038;hl=fr-FR&#038;autohide=2&#038;wmode=transparent\" allowfullscreen=\"true\" style=\"border:0;\" sandbox=\"allow-scripts allow-same-origin allow-popups allow-presentation allow-popups-to-escape-sandbox\"><\/iframe><\/span><\/div>\n<div class=\"jetpack-video-wrapper\"><span class=\"embed-youtube\" style=\"text-align:center; display: block;\"><iframe loading=\"lazy\" class=\"youtube-player\" width=\"700\" height=\"394\" src=\"https:\/\/www.youtube.com\/embed\/dKY_hXTQz9g?version=3&#038;rel=1&#038;showsearch=0&#038;showinfo=1&#038;iv_load_policy=1&#038;fs=1&#038;hl=fr-FR&#038;autohide=2&#038;wmode=transparent\" allowfullscreen=\"true\" style=\"border:0;\" sandbox=\"allow-scripts allow-same-origin allow-popups allow-presentation allow-popups-to-escape-sandbox\"><\/iframe><\/span><\/div>\n<div class=\"jetpack-video-wrapper\"><span class=\"embed-youtube\" style=\"text-align:center; display: block;\"><iframe loading=\"lazy\" class=\"youtube-player\" width=\"700\" height=\"394\" src=\"https:\/\/www.youtube.com\/embed\/lWjHCg9dW9o?version=3&#038;rel=1&#038;showsearch=0&#038;showinfo=1&#038;iv_load_policy=1&#038;fs=1&#038;hl=fr-FR&#038;autohide=2&#038;wmode=transparent\" allowfullscreen=\"true\" style=\"border:0;\" sandbox=\"allow-scripts allow-same-origin allow-popups allow-presentation allow-popups-to-escape-sandbox\"><\/iframe><\/span><\/div>\n<p><strong>\u00a0<\/strong><\/p>\n<p>&nbsp;<\/p>\n<p><strong>Ita Yachts Canada propose de vous assister et de voir \u00e0 vos int\u00e9r\u00eats pour l\u2019achat de ce yacht qui est \u00e0 vendre par une autre organisation. Nous serons pr\u00e9sents lors de l\u2019inspection et tout au long de la transaction et ce peu importe sa localisation. L\u2019\u00e9quipe d\u2019Ita Yachts Canada se soumet au plus haut standard d\u2019\u00e9thique.<\/strong><\/p>\n<p>&nbsp;<\/p>\n<\/div>\n<\/div>\n<\/div>\n<\/div>\n<\/div>\n<\/div>\n<\/div>\n<\/div>\n<\/div>\n<\/div>\n<div>\n<div class=\"content-header\"><\/div>\n<\/div>\n<div>\n<div class=\"html-content-description\">\n<p>Caract\u00e9ristiques<br \/>\nFiltre \u00e0 mazout Alfa Laval<br \/>\nSyst\u00e8me Idrostop pour les joints de ligne d&rsquo;arbre<br \/>\nAdoucisseur d&rsquo;eau<br \/>\nDessalinisateur Idromar 500 lt\/h (duplex 250lt + 250lt)<br \/>\nFiltre \u00e0 charbon actif<br \/>\nSt\u00e9rilisateur d&rsquo;eau UV pour l&rsquo;eau potable<br \/>\nSyst\u00e8me de traitement des eaux noires Hamman<br \/>\nPoste de commande suppl\u00e9mentaire sur le flybridge (c\u00f4t\u00e9 tribord)<br \/>\nPoste de ravitaillement en carburant dans le garage<br \/>\n\u00c9clairage sous-marin &#8211; couple &#8211; (5 par c\u00f4t\u00e9, 4 \u00e0 l&rsquo;arri\u00e8re)<br \/>\nLumi\u00e8res de courtoisie et variateur pour l&rsquo;ext\u00e9rieur<br \/>\nClimatisation Super Tropical<br \/>\nPlancher en teck avec calfeutrage noir sur le flybridge<br \/>\nTeck avec calfeutrage noir sur les passerelles lat\u00e9rales<br \/>\nPlancher en teck dans le compartiment de l&rsquo;annexe<br \/>\nPorte \u00e0 ouverture automatique \u00e0 l&rsquo;arri\u00e8re du salon MD<br \/>\nRelevage \u00e9lectrique des rideaux au pont inf\u00e9rieur (4 cabines)<br \/>\nLumi\u00e8res de courtoisie et variateur d&rsquo;intensit\u00e9 pour les int\u00e9rieurs<br \/>\nBande lumineuse sous le lit dans la cabine principale : bande LED<br \/>\nFen\u00eatre avec hublot dans la cuisine<br \/>\nLits coulissants s\u00e9parables dans les cabines d&rsquo;invit\u00e9s<br \/>\nLit Pullman dans la cabine tribord<br \/>\nLit Pullman dans la cabine d&rsquo;invit\u00e9s \u00e0 b\u00e2bord<br \/>\nAppareils Miele dans la cuisine<br \/>\nS\u00e8che-linge Miele PT 7135 C Plus (220V trifase)<br \/>\nLave-linge Miele PW 6065 Plus LP (220v trifase)<br \/>\nCha\u00eene d&rsquo;ancre<br \/>\nDouche sur la plateforme de bain<br \/>\nBimini manuel sur le flybridge<br \/>\nR\u00e9frig\u00e9rateur dans la cuisine<br \/>\nGril texan sur le flybridge double avec couvercle<br \/>\nIcemaker sur le flybridge<br \/>\nR\u00e9frig\u00e9rateur sur le flybridge<br \/>\nMeuble bar dans le cockpit<br \/>\nR\u00e9frig\u00e9rateur suppl\u00e9mentaire dans le cockpit<br \/>\nMachine \u00e0 gla\u00e7ons dans le cockpit<br \/>\nBateau en bois ray\u00e9 ch\u00eane chocolat<br \/>\nPropulseur de poupe 65 cv hydraulique (double h\u00e9lice)<br \/>\nGarage arri\u00e8re \u00e0 d\u00e9placement \u00e9lectrohydraulique au plafond, pour hisser et mettre \u00e0 l&rsquo;eau le jet ski<\/p>\n<p>Gyro stabilisateurs<br \/>\nSyst\u00e8me d&rsquo;auto-identification AIS Furuno Classe B (TX-RX FA 50)<br \/>\nAntenne TV SAT KVH HD11 avec r\u00e9cepteur dans le salon et le d\u00f4me videCCTV : cam\u00e9ra thermique vision nocturne Flir Pan\/Tilt M324XP 25hz<br \/>\nPrises am\u00e9ricaines \u00e0 c\u00f4t\u00e9 des prises europ\u00e9ennes<br \/>\nGroupe A\/V Premium Control Zone A<br \/>\nPack A\/V Premium Sound zones ext\u00e9rieures &#8211; Sonance 6,5 \u00bb<br \/>\nPack A\/V Domotique zone A<br \/>\nTV 50 \u00bb USA dans la cabine VIP \u00e0 b\u00e2bord<br \/>\nTV 50 \u00bb USA dans la cabine VIP \u00e0 tribord<br \/>\nTV 32 \u00bb USA dans la cabine invit\u00e9s b\u00e2bord<br \/>\nTV 32 \u00bb USA dans la cabine d&rsquo;invit\u00e9s \u00e0 tribord<br \/>\nTV 55 \u00bb USA dans la cabine du capitaine<br \/>\nTV 65 \u00bb USA avec syst\u00e8me d&rsquo;\u00e9l\u00e9vation \u00e9lectrique du plafond dans le salon<br \/>\nTV 49 \u00bb USA sur le fly avec syst\u00e8me d&rsquo;\u00e9l\u00e9vation \u00e9lectrique depuis le plafond<br \/>\nTV 32 \u00bb USA sur la d\u00eenette de l&rsquo;\u00e9quipage<br \/>\nCouvercle de la station d&rsquo;amarrage en VTR<br \/>\nCouvre-clavier externe en plexiglas<br \/>\nAm\u00e9nagement de l&rsquo;espace \u00e9quipage<br \/>\nTable montante et descendante dans la d\u00eenette de l&rsquo;\u00e9quipage<br \/>\nPlafonds encastr\u00e9s MD et LD en acier inoxydable glac\u00e9<br \/>\nTables de nuit dans les cabines principale et secondaire : Tables de nuit de la cabine principale en bois, avec plateau en cuir Lino 179 ; cabines LD : Tables de nuit en bois avec dessus en cuir Camoscio 207. Plateau de toutes les tables de nuit avec cadre en acier inoxydable<br \/>\nPortes de placard des cabines principale et secondaire en bois<br \/>\nWC japonais et suppression du bidet dans toutes les salles de bain sauf les toilettes de jour<br \/>\nMur de proue du salon MD : Portes de meubles en verre bronze et niche en cuir<br \/>\nPortes coulissantes du salon MD en verre bronze et cadre sup\u00e9rieur en acier bross\u00e9 (c\u00f4t\u00e9 cuisine et lobby MD inclus)<\/p>\n<p>Niche murale pour le positionnement d&rsquo;\u0153uvres d&rsquo;art dans le hall MD en lattes noires mattes sur les trois c\u00f4t\u00e9s<br \/>\nCave \u00e0 vin pleine hauteur dans le salon MD en remplacement du r\u00e9frig\u00e9rateur arri\u00e8re<br \/>\nPlancher en bois MD en noyer am\u00e9ricain brun fonc\u00e9 dans le salon MD, le hall d&rsquo;entr\u00e9e, le garde-manger, la cabine principale et la salle de bain principale.<br \/>\nPlancher de la salle de bains LD en noyer am\u00e9ricain brun fonc\u00e9 au carbone<br \/>\nPlancher de la timonerie en noyer am\u00e9ricain brun fonc\u00e9 carbone<br \/>\nLobby MD c\u00f4t\u00e9 tribord en panneaux de verre bronze et panneaux encastr\u00e9s en laqu\u00e9 mat RAL8019<br \/>\nMeuble bar \u00e0 tribord du salon MD en Alpi ST2V 73\/00\/Y12 poli de plus grandes dimensions que le STD, subdivis\u00e9 en 3 sections + ouverture sup\u00e9rieure sur la section centrale. Finitions en acier inoxydable bross\u00e9<br \/>\nT\u00eate de lit en alpi ST2V 73\/00\/Y12 laqu\u00e9 100 % brillant dans la cabine principale &#8211; coussins en tissu Camengo Bruges et boucles en cuir Libeccio P3313 Papavero<br \/>\nT\u00eate de lit en laqu\u00e9 alpi ST2V 73\/00\/Y12 100 % glossy dans les cabines LD &#8211; coussins en tissu Camengo Bruges et boucles en cuir Libeccio P3313 Papavero<br \/>\nPr\u00e9disposition pour baignoire d&rsquo;hydromassage<br \/>\nMarbre dans la salle de bain principale : dosseret en Zebrino, plan de lavabo et receveur de douche en Cappuccino<br \/>\nLavabo encastr\u00e9 dans la salle de bains principale en marbre Cappuccino<br \/>\nParois de douche de la salle de bains principale en marbre ZebrinoDosseret en marbre dans les salles de bains LD en Zebrino, plan vasque et receveur de douche en Cappuccino<br \/>\nLavabo encastr\u00e9 dans les salles de bains LD en marbre Cappuccino<br \/>\nParois de douche des salles de bains LD en marbre Zebrino<\/p>\n<p>Toilette de jour lavabo en marbre Cappuccino<br \/>\nTV SAT pr\u00e9disposition de double multi switch<br \/>\nCuisine par Ernestomeda &#8211; top Easy Cervino, meubles portes laqu\u00e9s col. Moka mat<br \/>\nMoquette en LD Santushti shell de Jacaranda<br \/>\nRev\u00eatement des colonnes du salon MD et de la cabine principale en cuir Oggi Nuvola 198 Ostrica<br \/>\nRideaux couleur ZR Smooth 10706982<br \/>\nMoquette dans le salon MD Santushti shell by Jacaranda<br \/>\nMoquette dans la cabine principale Santushti shell de Jacaranda<br \/>\nCanap\u00e9 dans le salon MD Flexform SOFT DREAM<br \/>\nTable \u00e0 manger dans le salon MD Flexform SOFFIO 22463<br \/>\nTables basses dans le salon MD Table ronde Flexform FLY 14&#215;62 et table basse Flexform FLY 14X66<br \/>\n(2) Fauteuils dans le salon MD Flexform LUCE 22611<br \/>\nChaises de salle \u00e0 manger dans le salon MD n.10 chaises Flexform Feel Good 14WA1<br \/>\nFauteuil Flexform ORTIGIA S.H. rev\u00eatu de cuir Flexform Col. red 82<br \/>\nTable sur mesure avec plateau en teck et structure en acier poli dans le cockpit MD<br \/>\n(6) Chaises Roda HARP 359 avec corde col. Sand et coussins en tissu Park K01 Sand<br \/>\nTable \u00e0 manger sur le flybridge Flexform Zefiro Outdoor 238M7 avec plateau en teck et structure en acier bruni<br \/>\nChaises sur le flybridge (6) chaises Roda HARP 359 avec corde col. Sand et coussins en tissu Park K01 Sand<br \/>\nCanap\u00e9 sur le flybridge Roda DANDY forme \u00ab L \u00bb en tissu Park K01 Sand<br \/>\nTable basse sur le flybridge Roda TEKA 009 avec plateau et structure en teck<br \/>\n(2) Tables basses sur flybridge par Paola Lenti mod\u00e8le CALATINI col. CE632<br \/>\n(3) Bains de soleil sur le flybridge mod\u00e8le Roda HARP 304 avec corde et matelas Park K01 Sand<\/p>\n<p>Coussins d\u00e9coratifs externes<br \/>\nD\u00e9tails suppl\u00e9mentaires<\/p>\n<p>FLYBRIDGE<\/p>\n<p>Espace de vie du Flybridge<\/p>\n<p>Prot\u00e9g\u00e9 par deux grandes fen\u00eatres lat\u00e9rales<br \/>\nCanap\u00e9 face \u00e0 face avec tables au centre<br \/>\nWet bar sur le c\u00f4t\u00e9 tribord<br \/>\nPoste de pilotage sur le c\u00f4t\u00e9 b\u00e2bord, si\u00e8ge pilote pour deux personnes<br \/>\nL&rsquo;ensemble de l&rsquo;espace est couvert par le hardtop peint (2 puits de lumi\u00e8re)<\/p>\n<p>Connexion au fly et \u00e0 l&rsquo;\u00e9trave<\/p>\n<p>Concept r\u00e9volutionnaire<br \/>\nAcc\u00e8s au trottoir panoramique \u00e0 b\u00e2bord, reli\u00e9 \u00e0 la proue par des passerelles sur une structure large.<br \/>\nBalcon lat\u00e9ral panoramique du flybridge sur le c\u00f4t\u00e9 tribord<\/p>\n<p>NAVIOP<\/p>\n<p>COMM\/AND NextGen Bridge Control<\/p>\n<p>Am\u00e9nagement de la passerelle con\u00e7u selon les souhaits de l&rsquo;armateur<br \/>\n\u00c9crans principaux enti\u00e8rement personnalis\u00e9s gr\u00e2ce \u00e0 la gestion des applications<br \/>\nAcc\u00e8s direct \u00e0 n&rsquo;importe quel groupe de commandes par une seule touche<br \/>\nGestion du tableau de bord gr\u00e2ce \u00e0 une interface Naviop claire et redondante. Chaque bouton repr\u00e9sente ce qui peut \u00eatre affich\u00e9 dans l&rsquo;\u00e9cran correspondant.<br \/>\nInt\u00e9gration directe via la gestion des applications NAVIOP<\/p>\n<p>ZONE D&rsquo;\u00c9TRAVE<\/p>\n<p>Connexion entre la proue et le flybridge<\/p>\n<p>Concept r\u00e9volutionnaire, acc\u00e8s au trottoir panoramique \u00e0 b\u00e2bord<br \/>\nFlybridge connect\u00e9 par des passerelles b\u00e2bord sur la structure large du bateau<\/p>\n<p>Sunset Lounge<\/p>\n<p>Banquette en forme de C avec dossiers et table centrale<br \/>\nDouble bain de soleil s\u00e9par\u00e9<\/p>\n<p>Double bain de soleil avant<\/p>\n<p>Offre une vue incomparable et un espace ind\u00e9pendant exclusif.<br \/>\nUn garage suppl\u00e9mentaire situ\u00e9 sous cet espace permet de ranger un jet Williams 2.8 ou un jet ski 3 places.<br \/>\nGarage de proue<\/p>\n<p>COCKPIT ET TROTTOIR<\/p>\n<p>Banquette extra-large convertible<\/p>\n<p>Station d&rsquo;amarrage<\/p>\n<p>Recouvert de teck<br \/>\nPeut \u00eatre utilis\u00e9 comme banc<\/p>\n<p>Acc\u00e8s \u00e0 la salle des machines<\/p>\n<p>Acc\u00e8s par le trottoir lat\u00e9ral b\u00e2bord<br \/>\nSalle de stockage<\/p>\n<p>SALON PRINCIPAL<\/p>\n<p>Fen\u00eatres du salon sur toute la hauteur<br \/>\nSalle \u00e0 manger s\u00e9par\u00e9e avec table pour 10 personnes<br \/>\nPorte lat\u00e9rale du salon OPT pleine hauteur \u00e0 tribord avec m\u00e9canisme d&rsquo;ouverture \u00e9lectrique<br \/>\nT\u00e9l\u00e9vision au plafond jusqu&rsquo;\u00e0 65<\/p>\n<p>Acc\u00e8s \u00e0 la zone des invit\u00e9s<\/p>\n<p>On peut acc\u00e9der \u00e0 la cabine du capitaine et \u00e0 la cabine des invit\u00e9s du pont inf\u00e9rieur.<br \/>\nToute la zone est s\u00e9par\u00e9e de la zone de service<br \/>\nUne sortie lat\u00e9rale dans le hall d&rsquo;entr\u00e9e<\/p>\n<p>Acc\u00e8s \u00e0 la zone de service<\/p>\n<p>Acc\u00e8s \u00e0 la cuisine 11\u33a1 et au garde-manger (sortie lat\u00e9rale \u00e0 b\u00e2bord)<br \/>\nAcc\u00e8s RPH depuis l&rsquo;office<br \/>\nL&rsquo;acc\u00e8s \u00e0 l&rsquo;\u00e9quipage se fait par la cuisine.<\/p>\n<p>CABINE PRINCIPALE<\/p>\n<p>6,5m (21&rsquo;4\u00a0\u00bb) de large gr\u00e2ce \u00e0 la coque large.<br \/>\nContient de nombreux espaces de rangement, ainsi que deux dressings (dont l&rsquo;un est un dressing)<br \/>\nStudio propri\u00e9taire \u00e0 c\u00f4t\u00e9 de l&rsquo;entr\u00e9e<br \/>\nL&rsquo;espace cabine est baign\u00e9 de lumi\u00e8re naturelle gr\u00e2ce aux grandes baies vitr\u00e9es<br \/>\nT\u00e9l\u00e9vision jusqu&rsquo;\u00e0 55<\/p>\n<p>DIRECTION G\u00c9N\u00c9RALE<\/p>\n<p>Grand espace avec double \u00e9quipement<br \/>\nDouche centrale<\/p>\n<p>ESPACE GUEST<\/p>\n<p>Toutes les cabines ont des fen\u00eatres de coque rectangulaires<br \/>\nHublots int\u00e9gr\u00e9s<\/p>\n<p>Cabine VIP<\/p>\n<p>S\u00e9par\u00e9e de la salle des machines par des cloisons pour l&rsquo;isolation phonique<br \/>\nLit double face au hublot de la cabine<br \/>\nT\u00e9l\u00e9vision haute d\u00e9finition jusqu&rsquo;\u00e0 49 pieds<br \/>\nL&rsquo;\u00e9vier de la cabine VIP est s\u00e9par\u00e9 des toilettes.<\/p>\n<p>Cabine d&rsquo;invit\u00e9<\/p>\n<p>Deux lits simples et salle d&rsquo;eau priv\u00e9e<br \/>\nPossibilit\u00e9 d&rsquo;avoir la 3\u00e8me couchette comme lit pullman<\/p>\n<p>&nbsp;<\/p>\n<p>ZONE DE L&rsquo;\u00c9QUIPAGE ET DU GARAGE<\/p>\n<p>Nombre total de couchettes pour l&rsquo;\u00e9quipage : 5 (1 capitaine + 4 membres d&rsquo;\u00e9quipage)<br \/>\nLa zone d&rsquo;acc\u00e8s \u00e0 l&rsquo;\u00e9quipage est s\u00e9par\u00e9e des invit\u00e9s<\/p>\n<p>Mess de l&rsquo;\u00e9quipage<\/p>\n<p>Cuisine de l&rsquo;\u00e9quipage<br \/>\nCanap\u00e9 en L<br \/>\nColonne de lavage avec lave-linge et s\u00e8che-linge s\u00e9par\u00e9s<\/p>\n<p>Cabine du capitaine<\/p>\n<p>Sur le c\u00f4t\u00e9 b\u00e2bord, avec salle de bain priv\u00e9e<br \/>\nDouche s\u00e9par\u00e9e<\/p>\n<p>Cabine de l&rsquo;\u00e9quipage<\/p>\n<p>Dans la zone avant<br \/>\nTotal de 4 couchettes d&rsquo;\u00e9quipage dans 2 cabines<br \/>\nChaque cabine dispose d&rsquo;une salle d&rsquo;eau s\u00e9par\u00e9e<\/p>\n<p>Garage arri\u00e8re<\/p>\n<p>Avec le syst\u00e8me DMT (Dual Mode Transom) exclusif au groupe Ferretti<br \/>\nPeut contenir une annexe Williams 505 Jet et un jet ski trois places.<br \/>\nIl est dot\u00e9 de deux trappes qui couvrent les escaliers lorsque le navire est en mouvement, ce qui donne \u00e0 la poupe un aspect net et in\u00e9galable. Lorsque le bateau s&rsquo;arr\u00eate, ces trappes disparaissent dans la partie centrale de la porte pour permettre aux invit\u00e9s de monter.<\/p>\n<p>&nbsp;<\/p>\n<p><strong><span style=\"color: black;\">AVIS DE NON-RESPONSABILIT\u00c9<\/span><\/strong><\/p>\n<p><strong><span style=\"color: black; font-weight: normal;\">Le bateau qui est pr\u00e9sent\u00e9 sur cette page, l\u2019est uniquement \u00e0 titre d\u2019information et n\u2019est pas n\u00e9cessairement toujours disponible \u00e0 la vente et\/ou \u00e0 la location.<\/span><\/strong><span class=\"apple-converted-space\"><b><span style=\"color: black;\">\u00a0<\/span><\/b><\/span><strong><span style=\"color: black; font-weight: normal;\">Ce bateau est peut-\u00eatre offert sous r\u00e9serve, il faut v\u00e9rifier sa disponibilit\u00e9.<\/span><\/strong><span class=\"apple-converted-space\"><b><span style=\"color: black;\">\u00a0<\/span><\/b><\/span><strong><span style=\"color: black; font-weight: normal;\">\u00a0Ce document ou cette annonce n\u2019est pas contractuel. Les informations sur les bateaux affich\u00e9es dans les r\u00e9sultats ci-dessus sont pr\u00e9sent\u00e9es en toute bonne foi et, bien qu\u2019elles soient consid\u00e9r\u00e9es comme correctes, elles ne sont pas garanties. Ita Yachts Canada ne garantit pas et n\u2019assume aucune responsabilit\u00e9 l\u00e9gale ou responsabilit\u00e9 pour l\u2019exactitude, l\u2019exhaustivit\u00e9 ou l\u2019utilit\u00e9 des informations et\/ou des images affich\u00e9es, car elles peuvent ne pas \u00eatre \u00e0 jour ou encore \u00eatres des images d\u2019un bateau comparable. Toutes les informations sur les bateaux peuvent \u00eatre modifi\u00e9es sans pr\u00e9avis et sont sans garantie.<\/span><\/strong><span class=\"apple-converted-space\"><b><span style=\"color: black;\">\u00a0<\/span><\/b><\/span><strong><span style=\"color: black; font-weight: normal;\">Ce bateau est peut-\u00eatre offert par un autre courtier ouvert au co-courtage (co-brokerage).<\/span><\/strong><\/p>\n<p>&nbsp;<\/p>\n<p>&nbsp;<\/p>\n<div data-test='contact-form'\n\t\t\tid='contact-form-203495'\n\t\t\tclass='jetpack-contact-form-container '\n\t\t\tdata-wp-interactive='jetpack\/form' data-wp-context='{\"formId\":\"203495\",\"formHash\":\"9bf0682f5e6bac641a9561199e910d4a29680c53\",\"showErrors\":false,\"errors\":[],\"fields\":[],\"isMultiStep\":false,\"useAjax\":false,\"submissionData\":null,\"formattedSubmissionData\":[],\"submissionSuccess\":false,\"submissionError\":null,\"elementId\":\"jp-form-9bf0682f5e6bac641a9561199e910d4a29680c53\",\"isSingleInputForm\":false,\"isForcedHorizontal\":false}'\n\t\t\tdata-wp-watch--scroll-to-wrapper=\"callbacks.scrollToWrapper\"\n\t\t>\n<div class=\"contact-form-submission contact-form-ajax-submission\" data-wp-bind--aria-hidden=\"state.isSuccessMessageAriaHidden\" data-wp-class--submission-success=\"context.submissionSuccess\" id=\"contact-form-success-9bf0682f5e6bac641a9561199e910d4a29680c53\" tabindex=\"-1\" aria-labelledby=\"contact-form-success-header-9bf0682f5e6bac641a9561199e910d4a29680c53\"><p class=\"go-back-message\"><a class=\"link\" role=\"button\" tabindex=\"0\" data-wp-on--click=\"actions.goBack\" href=\"\/fr\/wp-json\/wp\/v2\/listing\/203495\">\u2190 Retour<\/a><\/p><h4 data-wp-bind--aria-hidden=\"state.isSuccessMessageAriaHidden\" id=\"contact-form-success-header-9bf0682f5e6bac641a9561199e910d4a29680c53\">Merci pour votre r\u00e9ponse. \u2728<\/h4>\n\n<template data-wp-each--submission=\"context.formattedSubmissionData\">\n\t\t\t\t\t<div class=\"jetpack_forms_contact-form-success-summary\">\n\t\t\t\t\t\t<div class=\"field-name-wrapper\">\n\t\t\t\t\t\t\t<div class=\"field-type-icon\" data-wp-watch=\"callbacks.watchFieldTypeIcon\"><\/div>\n\t\t\t\t\t\t\t<div class=\"field-name\" data-wp-text=\"context.submission.label\" data-wp-bind--hidden=\"!context.submission.label\"><\/div>\n\t\t\t\t\t\t<\/div>\n\t\t\t\t\t\t<div class=\"field-value\" data-wp-text=\"context.submission.value\" data-wp-bind--hidden=\"!context.submission.showPlainValue\"><\/div>\n\t\t\t\t\t\t<a class=\"field-url\" data-wp-bind--href=\"context.submission.url\" data-wp-text=\"context.submission.value\" data-wp-bind--hidden=\"!context.submission.url\" target=\"_blank\" rel=\"noopener noreferrer\"><\/a>\n\t\t\t\t\t\t<div class=\"field-rating\" data-wp-bind--hidden=\"!context.submission.rating\" data-wp-watch=\"callbacks.watchRatingIcons\"><\/div>\n\t\t\t\t\t\t<div class=\"field-images\" data-wp-bind--hidden=\"!context.submission.images\">\n\t\t\t\t\t\t\t<template data-wp-each--image=\"context.submission.images\">\n\t\t\t\t\t\t\t\t<div class=\"field-image-option\" data-wp-class--is-empty=\"!context.image.src\">\n\t\t\t\t\t\t\t\t\t<figure class=\"field-image-option__image\" data-wp-class--is-empty=\"!context.image.src\">\n\t\t\t\t\t\t\t\t\t\t<img data-wp-bind--src=\"context.image.src\" data-wp-bind--hidden=\"!context.image.src\" \/>\n\t\t\t\t\t\t\t\t\t\t<img decoding=\"async\" src=\"data:image\/gif;base64,R0lGODlhAQABAAD\/ACwAAAAAAQABAAACADs=\" data-wp-bind--hidden=\"context.image.src\" \/>\n\t\t\t\t\t\t\t\t\t<\/figure>\n\t\t\t\t\t\t\t\t\t<div class=\"field-image-option__label-wrapper\">\n\t\t\t\t\t\t\t\t\t\t<span class=\"field-image-option__label-code\" data-wp-text=\"context.image.letterCode\"><\/span>\n\t\t\t\t\t\t\t\t\t\t<span class=\"field-image-option__label\" data-wp-text=\"context.image.label\" data-wp-bind--hidden=\"!context.image.label\"><\/span>\n\t\t\t\t\t\t\t\t\t<\/div>\n\t\t\t\t\t\t\t\t<\/div>\n\t\t\t\t\t\t\t<\/template>\n\t\t\t\t\t\t<\/div>\n\t\t\t\t\t\t<div class=\"field-files\" data-wp-bind--hidden=\"!context.submission.files\">\n\t\t\t\t\t\t\t<template data-wp-each--file=\"context.submission.files\">\n\t\t\t\t\t\t\t\t<div class=\"field-file\">\n\t\t\t\t\t\t\t\t\t<div class=\"field-file__thumbnail\" data-wp-style--background-image=\"context.file.previewUrl\" data-wp-style--mask-image=\"context.file.iconUrl\" data-wp-bind--hidden=\"!context.file.hasPreview\"><\/div>\n\t\t\t\t\t\t\t\t\t<svg class=\"field-file__icon\" data-wp-bind--hidden=\"context.file.hasPreview\" width=\"20\" height=\"20\" viewBox=\"0 0 24 24\" fill=\"none\" xmlns=\"http:\/\/www.w3.org\/2000\/svg\" aria-hidden=\"true\">\n\t\t\t\t\t\t\t\t\t\t<path d=\"M14 2H6C4.9 2 4 2.9 4 4V20C4 21.1 4.89 22 5.99 22H18C19.1 22 20 21.1 20 20V8L14 2ZM18 20H6V4H13V9H18V20Z\" fill=\"currentColor\"\/>\n\t\t\t\t\t\t\t\t\t<\/svg>\n\t\t\t\t\t\t\t\t\t<span class=\"field-file__name\" data-wp-text=\"context.file.name\"><\/span>\n\t\t\t\t\t\t\t\t\t<span class=\"field-file__size\" data-wp-text=\"context.file.size\"><\/span>\n\t\t\t\t\t\t\t\t<\/div>\n\t\t\t\t\t\t\t<\/template>\n\t\t\t\t\t\t<\/div>\n\t\t\t\t\t<\/div>\n\t\t\t\t<\/template><\/div><form action='https:\/\/itayachtscanada.com\/fr\/listing\/ferretti-custom-line-106-2022-10888888-usd-for-sale\/'\n\t\t\t\tid='jp-form-9bf0682f5e6bac641a9561199e910d4a29680c53'\n\t\t\t\tmethod='post'\n\t\t\t\tclass='contact-form commentsblock jetpack-contact-form__form has-no-jetpack-form-layout' aria-label=\"{:en}Ferretti Custom Line 106 2022 $9,888,888 usd for sale{:}{:fr}Ferretti Custom Line 106 2022 $9,888,888 usd \u00e0 vendre{:}\"\n\t\t\t\tdata-wp-on--submit=\"actions.onFormSubmit\"\n\t\t\t\tdata-wp-on--reset=\"actions.onFormReset\"\n\t\t\t\tdata-wp-class--submission-success=\"context.submissionSuccess\"\n\t\t\t\tdata-wp-class--is-first-step=\"state.isFirstStep\"\n\t\t\t\tdata-wp-class--is-last-step=\"state.isLastStep\"\n\t\t\t\tdata-wp-class--is-ajax-form=\"context.useAjax\"\n\t\t\t\tnovalidate >\n<input type='hidden' name='jetpack_contact_form_jwt' value='eyJ0eXAiOiJKV1QiLCJhbGciOiJIUzI1NiJ9.eyJlbmNyeXB0ZWRfYXR0cmlidXRlcyI6ImJacGwrSVpQUGJaMitnWDAxc2NpNzNqTVhLNllDNzYwVkNhRVdnSjlQQjI0alhHalF2dXNhT2RaQ2FnYnRRMlBNS1RWcFJWTkVOSEpMT2V5QVZEV2RDNExYYnVhK1BIV3Znb21FODNkbWhGbXl1L3NRZFVZOFBXU0cyZis2R3NrVkxpN09xTjJvNkpRZi9BSFlDYkZVNlU1VThoS0RJdlowNVZDa1dWN3RNTWlyVHN6aFBOMFZQNStjTWFkcmhIVkVlRitqOFZGaUx1U1Z3WkNZdTB4SWw5WGh5NFlzSjZtQ2x2ZTF3b2xjQS9zcW1qK0EvQVEvcklFQzMwL1IrUU52N3MyaWx1MVJQekFvWXBvWDVKTGlpbXR0ZlplTW0wVU0yUTkxM1A0eldyd0JoMjlUVUpUV05MRHVoTEZIM1NwUWtRSUhTVEl1MmhhbTFyQ3RCMnV3VWhVUjRJYy9ic2JGOTY1QndrdFN5d0JxQk9SN3JjVGNoeUNMYXJDWG1valorZkdyNTdFWW1BM3pVWlRKMVdIUGRlK3I5NmU1TkFYTzJzbTBMNG91bTFBOFFDTk1yYTd6L0VVaXpSTUJWNWZkTkJNT2pnQlVidlg0Uk1mWkV4cXVpcURVR2wwMm5sMWp2d0N4bHArYVp3ZU1xdWR2QWphTDlwcmVLUXU1NEJ0SUlVaHo5NW1yQ29IL2h2TUk1Rm43NmxVZXVFKzE1Q2dRRWpjTmxwY1BObnk3NTJRbTFHYkd4Q09haC9hdWJFbHpkWHMzT1NDNWxmZnZqWmd3ZjdHQUVLc0UraWZ5RHVMWVRqWHdCd3NzakZXSk55Z3BFQXlvT3JnazlFL0RiWExTck4wWnF4MU5CODZJOXRCb0pnZ0VxVm1aUVk4QXF3MTRXRThBdnVYSWMzejNPdTJHMUJIT2REU2dWWTBUMTR0SE9aVXFPOEYydzc0cW0zMzNKZVhWV1dMdm05Vkpka1BWUlZlenV1Y29HcUVGN1N2Q0xwNWFMdDk1OWxkQjVYWCtXeHBLSU5CRGJ5a0ZkOElyQWxpRnZLYkJ6dEJPT1ZsUUhzMkhKa2J0dWo0WGFqYmFBVFBxcE9HaEo3WmN1b2NQTGFZL3lxVFBkdGVSL3B2dklKMm0xY2tSdDdNUmxmV3gySFpERGlHd2VWaUcvN25hbmFXSU5rQVVuMGgzREZadGsyc2wvT2M0VTEyaFlvZ1BWMUcwZkdTbDdrejdZK2JvUjdrUmcwVEVXb0VrOG1ETmh1eHA4OWhIMFBQb0lOVUJWY3c0aVNxIiwiY29udGVudCI6Iltjb250YWN0LWZpZWxkIGxhYmVsPVwiTm9tOlwiIHR5cGU9XCJuYW1lXCIgcmVxdWlyZWQ9XCIxXCJdW2NvbnRhY3QtZmllbGQgbGFiZWw9XCJFLW1haWxcIiB0eXBlPVwiZW1haWxcIiByZXF1aXJlZD1cIjFcIl1bY29udGFjdC1maWVsZCBsYWJlbD1cIkF1IHN1amV0IGRlIGNlIHlhY2h0OiBcIiB0eXBlPVwidGV4dFwiXVtjb250YWN0LWZpZWxkIGxhYmVsPVwiTWVzc2FnZVwiIHR5cGU9XCJ0ZXh0YXJlYVwiXSIsImhhc2giOiI5YmYwNjgyZjVlNmJhYzY0MWE5NTYxMTk5ZTkxMGQ0YTI5NjgwYzUzIiwic291cmNlIjp7ImVudHJ5X3RpdGxlIjoiRmVycmV0dGkgQ3VzdG9tIExpbmUgMTA2IDIwMjIgJDksODg4LDg4OCB1c2QgXHUwMGUwIHZlbmRyZSIsImVudHJ5X3BhZ2UiOjEsInNvdXJjZV9pZCI6MjAzNDk1LCJzb3VyY2VfdHlwZSI6InNpbmdsZSIsInJlcXVlc3RfdXJsIjoiaHR0cHM6Ly9pdGF5YWNodHNjYW5hZGEuY29tL2ZyL3dwLWpzb24vd3AvdjIvbGlzdGluZy8yMDM0OTUifSwidmVyc2lvbiI6MiwiY2lwaGVyIjoiYWVzLTI1Ni1nY20ifQ.Zo0gvgWoN8MopfPimIo5L0p_hDZACbDrpMXhqVe6jQU' \/>\n\n<div style=\"\"  data-wp-interactive=\"jetpack\/form\" data-wp-context='{\"fieldId\":\"g203495-nom\",\"fieldType\":\"name\",\"fieldLabel\":\"Nom:\",\"fieldValue\":\"\",\"fieldPlaceholder\":\"\",\"fieldIsRequired\":\"1\",\"fieldErrorMessage\":\"\",\"fieldExtra\":[],\"formHash\":\"9bf0682f5e6bac641a9561199e910d4a29680c53\"}'  class='grunion-field-name-wrap grunion-field-wrap'  data-wp-init='callbacks.initializeField' data-wp-on--jetpack-form-reset='callbacks.initializeField' >\n<label\n\t\t\t\tfor='g203495-nom' class=\"grunion-field-label name\" >Nom:<span class=\"grunion-label-required\" aria-hidden=\"true\">(obligatoire)<\/span><\/label>\n<input\n\t\t\t\t\ttype='text'\n\t\t\t\t\tname='g203495-nom'\n\t\t\t\t\tid='g203495-nom'\n\t\t\t\t\tvalue=''\n\n\t\t\t\t\tdata-wp-bind--aria-invalid='state.fieldAriaInvalid'\n\t\t\t\t\tdata-wp-bind--value='state.getFieldValue'\n\t\t\t\t\taria-describedby='g203495-nom-text-error-message'\n\t\t\t\t\tdata-wp-on--input='actions.onFieldChange'\n\t\t\t\t\tdata-wp-on--blur='actions.onFieldBlur'\n\t\t\t\t\tdata-wp-class--has-value='state.hasFieldValue'\n\n\t\t\t\t\tclass='name  grunion-field' \n\t\t\t\t\trequired='true' aria-required='true'  \/>\n \n\t\t\t<div id=\"g203495-nom-text-error\" class=\"contact-form__input-error\" data-wp-class--has-errors=\"state.fieldHasErrors\">\n\t\t\t\t<span class=\"contact-form__warning-icon\" aria-hidden=\"true\">\n\t\t\t\t\t<svg width=\"16\" height=\"16\" viewBox=\"0 0 16 16\" fill=\"none\" xmlns=\"http:\/\/www.w3.org\/2000\/svg\">\n\t\t\t\t\t\t<path d=\"M8.50015 11.6402H7.50015V10.6402H8.50015V11.6402Z\" \/>\n\t\t\t\t\t\t<path d=\"M7.50015 9.64018H8.50015V6.30684H7.50015V9.64018Z\" \/>\n\t\t\t\t\t\t<path fill-rule=\"evenodd\" clip-rule=\"evenodd\" d=\"M6.98331 3.0947C7.42933 2.30177 8.57096 2.30177 9.01698 3.09469L13.8771 11.7349C14.3145 12.5126 13.7525 13.4735 12.8602 13.4735H3.14004C2.24774 13.4735 1.68575 12.5126 2.12321 11.7349L6.98331 3.0947ZM8.14541 3.58496C8.08169 3.47168 7.9186 3.47168 7.85488 3.58496L2.99478 12.2251C2.93229 12.3362 3.01257 12.4735 3.14004 12.4735H12.8602C12.9877 12.4735 13.068 12.3362 13.0055 12.2251L8.14541 3.58496Z\" \/>\n\t\t\t\t\t<\/svg>\n\t\t\t\t<\/span>\n\t\t\t\t<span data-wp-text=\"state.errorMessage\" id=\"g203495-nom-text-error-message\"><\/span>\n\t\t\t<\/div> \n\t<\/div>\n\n<div style=\"\"  data-wp-interactive=\"jetpack\/form\" data-wp-context='{\"fieldId\":\"g203495-email\",\"fieldType\":\"email\",\"fieldLabel\":\"E-mail\",\"fieldValue\":\"\",\"fieldPlaceholder\":\"\",\"fieldIsRequired\":\"1\",\"fieldErrorMessage\":\"\",\"fieldExtra\":[],\"formHash\":\"9bf0682f5e6bac641a9561199e910d4a29680c53\"}'  class='grunion-field-email-wrap grunion-field-wrap'  data-wp-init='callbacks.initializeField' data-wp-on--jetpack-form-reset='callbacks.initializeField' >\n<label\n\t\t\t\tfor='g203495-email' class=\"grunion-field-label email\" >E-mail<span class=\"grunion-label-required\" aria-hidden=\"true\">(obligatoire)<\/span><\/label>\n<input\n\t\t\t\t\ttype='email'\n\t\t\t\t\tname='g203495-email'\n\t\t\t\t\tid='g203495-email'\n\t\t\t\t\tvalue=''\n\n\t\t\t\t\tdata-wp-bind--aria-invalid='state.fieldAriaInvalid'\n\t\t\t\t\tdata-wp-bind--value='state.getFieldValue'\n\t\t\t\t\taria-describedby='g203495-email-email-error-message'\n\t\t\t\t\tdata-wp-on--input='actions.onFieldChange'\n\t\t\t\t\tdata-wp-on--blur='actions.onFieldBlur'\n\t\t\t\t\tdata-wp-class--has-value='state.hasFieldValue'\n\n\t\t\t\t\tclass='email  grunion-field' \n\t\t\t\t\trequired='true' aria-required='true'  \/>\n \n\t\t\t<div id=\"g203495-email-email-error\" class=\"contact-form__input-error\" data-wp-class--has-errors=\"state.fieldHasErrors\">\n\t\t\t\t<span class=\"contact-form__warning-icon\" aria-hidden=\"true\">\n\t\t\t\t\t<svg width=\"16\" height=\"16\" viewBox=\"0 0 16 16\" fill=\"none\" xmlns=\"http:\/\/www.w3.org\/2000\/svg\">\n\t\t\t\t\t\t<path d=\"M8.50015 11.6402H7.50015V10.6402H8.50015V11.6402Z\" \/>\n\t\t\t\t\t\t<path d=\"M7.50015 9.64018H8.50015V6.30684H7.50015V9.64018Z\" \/>\n\t\t\t\t\t\t<path fill-rule=\"evenodd\" clip-rule=\"evenodd\" d=\"M6.98331 3.0947C7.42933 2.30177 8.57096 2.30177 9.01698 3.09469L13.8771 11.7349C14.3145 12.5126 13.7525 13.4735 12.8602 13.4735H3.14004C2.24774 13.4735 1.68575 12.5126 2.12321 11.7349L6.98331 3.0947ZM8.14541 3.58496C8.08169 3.47168 7.9186 3.47168 7.85488 3.58496L2.99478 12.2251C2.93229 12.3362 3.01257 12.4735 3.14004 12.4735H12.8602C12.9877 12.4735 13.068 12.3362 13.0055 12.2251L8.14541 3.58496Z\" \/>\n\t\t\t\t\t<\/svg>\n\t\t\t\t<\/span>\n\t\t\t\t<span data-wp-text=\"state.errorMessage\" id=\"g203495-email-email-error-message\"><\/span>\n\t\t\t<\/div> \n\t<\/div>\n\n<div style=\"\"  data-wp-interactive=\"jetpack\/form\" data-wp-context='{\"fieldId\":\"g203495-ausujetdeceyacht\",\"fieldType\":\"text\",\"fieldLabel\":\"Au sujet de ce yacht: \",\"fieldValue\":\"\",\"fieldPlaceholder\":\"\",\"fieldIsRequired\":\"\",\"fieldErrorMessage\":\"\",\"fieldExtra\":[],\"formHash\":\"9bf0682f5e6bac641a9561199e910d4a29680c53\"}'  class='grunion-field-text-wrap grunion-field-wrap'  data-wp-init='callbacks.initializeField' data-wp-on--jetpack-form-reset='callbacks.initializeField' >\n<label\n\t\t\t\tfor='g203495-ausujetdeceyacht' class=\"grunion-field-label text\" >Au sujet de ce yacht: <\/label>\n<input\n\t\t\t\t\ttype='text'\n\t\t\t\t\tname='g203495-ausujetdeceyacht'\n\t\t\t\t\tid='g203495-ausujetdeceyacht'\n\t\t\t\t\tvalue=''\n\n\t\t\t\t\tdata-wp-bind--aria-invalid='state.fieldAriaInvalid'\n\t\t\t\t\tdata-wp-bind--value='state.getFieldValue'\n\t\t\t\t\taria-describedby='g203495-ausujetdeceyacht-text-error-message'\n\t\t\t\t\tdata-wp-on--input='actions.onFieldChange'\n\t\t\t\t\tdata-wp-on--blur='actions.onFieldBlur'\n\t\t\t\t\tdata-wp-class--has-value='state.hasFieldValue'\n\n\t\t\t\t\tclass='text  grunion-field' \n\t\t\t\t\t \/>\n \n\t\t\t<div id=\"g203495-ausujetdeceyacht-text-error\" class=\"contact-form__input-error\" data-wp-class--has-errors=\"state.fieldHasErrors\">\n\t\t\t\t<span class=\"contact-form__warning-icon\" aria-hidden=\"true\">\n\t\t\t\t\t<svg width=\"16\" height=\"16\" viewBox=\"0 0 16 16\" fill=\"none\" xmlns=\"http:\/\/www.w3.org\/2000\/svg\">\n\t\t\t\t\t\t<path d=\"M8.50015 11.6402H7.50015V10.6402H8.50015V11.6402Z\" \/>\n\t\t\t\t\t\t<path d=\"M7.50015 9.64018H8.50015V6.30684H7.50015V9.64018Z\" \/>\n\t\t\t\t\t\t<path fill-rule=\"evenodd\" clip-rule=\"evenodd\" d=\"M6.98331 3.0947C7.42933 2.30177 8.57096 2.30177 9.01698 3.09469L13.8771 11.7349C14.3145 12.5126 13.7525 13.4735 12.8602 13.4735H3.14004C2.24774 13.4735 1.68575 12.5126 2.12321 11.7349L6.98331 3.0947ZM8.14541 3.58496C8.08169 3.47168 7.9186 3.47168 7.85488 3.58496L2.99478 12.2251C2.93229 12.3362 3.01257 12.4735 3.14004 12.4735H12.8602C12.9877 12.4735 13.068 12.3362 13.0055 12.2251L8.14541 3.58496Z\" \/>\n\t\t\t\t\t<\/svg>\n\t\t\t\t<\/span>\n\t\t\t\t<span data-wp-text=\"state.errorMessage\" id=\"g203495-ausujetdeceyacht-text-error-message\"><\/span>\n\t\t\t<\/div> \n\t<\/div>\n\n<div style=\"\"  data-wp-interactive=\"jetpack\/form\" data-wp-context='{\"fieldId\":\"g203495-message\",\"fieldType\":\"textarea\",\"fieldLabel\":\"Message\",\"fieldValue\":\"\",\"fieldPlaceholder\":\"\",\"fieldIsRequired\":\"\",\"fieldErrorMessage\":\"\",\"fieldExtra\":[],\"formHash\":\"9bf0682f5e6bac641a9561199e910d4a29680c53\"}'  class='grunion-field-textarea-wrap grunion-field-wrap'  data-wp-init='callbacks.initializeField' data-wp-on--jetpack-form-reset='callbacks.initializeField' >\n<label\n\t\t\t\tfor='contact-form-comment-g203495-message' class=\"grunion-field-label textarea\" >Message<\/label>\n<textarea\n\t\t                style=''\n\t\t                name='g203495-message'\n\t\t                id='contact-form-comment-g203495-message'\n\t\t                rows='20'\n\t\t\t\t\t\tdata-wp-text='state.getFieldValue'\n\t\t\t\t\t\tdata-wp-on--input='actions.onFieldChange'\n\t\t\t\t\t\tdata-wp-on--blur='actions.onFieldBlur'\n\t\t\t\t\t\tdata-wp-class--has-value='state.hasFieldValue'\n\t\t\t\t\t\taria-describedby='g203495-message-textarea-error-message'\n\t\t\t\t\t\tdata-wp-bind--aria-invalid='state.fieldAriaInvalid'\n\t\t\t\t\t\tclass='textarea  grunion-field'  ><\/textarea>\n \n\t\t\t<div id=\"g203495-message-textarea-error\" class=\"contact-form__input-error\" data-wp-class--has-errors=\"state.fieldHasErrors\">\n\t\t\t\t<span class=\"contact-form__warning-icon\" aria-hidden=\"true\">\n\t\t\t\t\t<svg width=\"16\" height=\"16\" viewBox=\"0 0 16 16\" fill=\"none\" xmlns=\"http:\/\/www.w3.org\/2000\/svg\">\n\t\t\t\t\t\t<path d=\"M8.50015 11.6402H7.50015V10.6402H8.50015V11.6402Z\" \/>\n\t\t\t\t\t\t<path d=\"M7.50015 9.64018H8.50015V6.30684H7.50015V9.64018Z\" \/>\n\t\t\t\t\t\t<path fill-rule=\"evenodd\" clip-rule=\"evenodd\" d=\"M6.98331 3.0947C7.42933 2.30177 8.57096 2.30177 9.01698 3.09469L13.8771 11.7349C14.3145 12.5126 13.7525 13.4735 12.8602 13.4735H3.14004C2.24774 13.4735 1.68575 12.5126 2.12321 11.7349L6.98331 3.0947ZM8.14541 3.58496C8.08169 3.47168 7.9186 3.47168 7.85488 3.58496L2.99478 12.2251C2.93229 12.3362 3.01257 12.4735 3.14004 12.4735H12.8602C12.9877 12.4735 13.068 12.3362 13.0055 12.2251L8.14541 3.58496Z\" \/>\n\t\t\t\t\t<\/svg>\n\t\t\t\t<\/span>\n\t\t\t\t<span data-wp-text=\"state.errorMessage\" id=\"g203495-message-textarea-error-message\"><\/span>\n\t\t\t<\/div>\n\t<\/div>\n\t<p class='contact-submit'>\n<div class=\"contact-form__error\" data-wp-class--show-errors=\"state.showFormErrors\"><span class=\"contact-form__warning-icon\" aria-hidden=\"true\"><i><\/i><\/span><span class=\"contact-form__error-message\" tabindex=\"-1\" data-wp-watch=\"callbacks.focusOnValidationError\" data-wp-text=\"state.getFormErrorMessage\"><\/span><ul aria-label=\"Erreurs de formulaire\">\n\t\t\t\t<template data-wp-each=\"state.getErrorList\" data-wp-key=\"context.item.id\">\n\t\t\t\t\t<li><a data-wp-bind--href=\"context.item.anchor\" data-wp-on--click=\"actions.scrollIntoView\" data-wp-text=\"context.item.label\"><\/a><\/li>\n\t\t\t\t<\/template>\n\t\t\t\t<\/ul><\/div><div class=\"contact-form__error\" data-wp-class--show-errors=\"state.showSubmissionError\" data-wp-text=\"context.submissionError\" tabindex=\"-1\" data-wp-watch=\"callbacks.focusOnSubmissionError\"><\/div>\t\t<button type='submit' class='pushbutton-wide'>Envoyer<\/button>\t\t<input type='hidden' name='contact-form-id' value='203495' \/>\n\t\t<input type='hidden' name='action' value='grunion-contact-form' \/>\n\t\t<input type='hidden' name='contact-form-hash' value='9bf0682f5e6bac641a9561199e910d4a29680c53' \/>\n\t<\/p>\n<p style=\"display: none !important;\" class=\"akismet-fields-container\" data-prefix=\"ak_\"><label>&#916;<textarea name=\"ak_hp_textarea\" cols=\"45\" rows=\"8\" maxlength=\"100\"><\/textarea><\/label><input type=\"hidden\" id=\"ak_js_1\" name=\"ak_js\" value=\"107\"\/><script type=\"text\/javascript\">\n\/* <![CDATA[ *\/\ndocument.getElementById( \"ak_js_1\" ).setAttribute( \"value\", ( new Date() ).getTime() );\n\/* ]]> *\/\n<\/script>\n<\/p><\/form>\n<\/div>\n<p>&nbsp;<\/p>\n<p>&nbsp;<\/p>\n<\/div>\n<\/div>\n","protected":false},"excerpt":{"rendered":"<p>OFF MARKET (pr\u00e9sentement retir\u00e9 de la vente) Ferretti Custom Line 106 2022 $9,888,888 usd \u00e0 vendre 2022 Custom Line 106&rsquo;\/ ISLA *Pas de vente aux r\u00e9sidents am\u00e9ricains dans les eaux am\u00e9ricaines. Photos professionnelles \u00e0 venir ! Ce magnifique super yacht est une cr\u00e9ation du d\u00e9partement d&rsquo;ing\u00e9nierie du groupe Ferretti, soutenu par l&rsquo;expertise de Francesco Paszkowski &hellip; <a href=\"https:\/\/itayachtscanada.com\/fr\/listing\/ferretti-custom-line-106-2022-10888888-usd-for-sale\/\" class=\"more-link\">Lire la suite <span class=\"screen-reader-text\">Ferretti Custom Line 106 2022 $9,888,888 usd \u00e0 vendre<\/span> <span class=\"meta-nav\">&rarr;<\/span><\/a><\/p>\n","protected":false},"author":119081455,"featured_media":203504,"parent":0,"menu_order":0,"comment_status":"open","ping_status":"open","template":"","format":"standard","meta":{"_coblocks_attr":"","_coblocks_dimensions":"","_coblocks_responsive_height":"","_coblocks_accordion_ie_support":"","_lmt_disableupdate":"no","_lmt_disable":"no","advanced_seo_description":"","jetpack_seo_html_title":"","jetpack_seo_noindex":false,"footnotes":""},"manufacturer":[6434],"prix":[6830],"years":[6482],"length_feet":[6592],"boat_type":[6466],"price_range":[6584],"localisations":[],"numyacht":[10137],"datevente":[8027,10539,10651,10883,11119,11227],"country":[10755],"states":[10770],"city":[10884],"fresh-water-boat":[10809],"broker":[10943],"migration":[10888],"class_list":["post-203495","listing","type-listing","status-publish","format-standard","has-post-thumbnail","hentry","manufacturer-ferretti","prix-6830","years-6482","length_feet-more-than-100-feets","boat_type-megayacht","price_range-10000000-more","numyacht-10137","datevente-2025-05-29","datevente-2025-07-25","datevente-2025-09-20","datevente-2025-11-16","datevente-2026-01-14","datevente-2026-03-14","country-united-states","states-floride","city-west-palm-beach","fresh-water-boat-non","broker-denison","migration-non"],"translation":{"provider":"WPGlobus","version":"2.12.2","language":"fr","enabled_languages":["en","fr"],"languages":{"en":{"title":true,"content":true,"excerpt":false},"fr":{"title":true,"content":true,"excerpt":false}}},"jetpack_likes_enabled":true,"jetpack_sharing_enabled":true,"_links":{"self":[{"href":"https:\/\/itayachtscanada.com\/fr\/wp-json\/wp\/v2\/listing\/203495","targetHints":{"allow":["GET"]}}],"collection":[{"href":"https:\/\/itayachtscanada.com\/fr\/wp-json\/wp\/v2\/listing"}],"about":[{"href":"https:\/\/itayachtscanada.com\/fr\/wp-json\/wp\/v2\/types\/listing"}],"author":[{"embeddable":true,"href":"https:\/\/itayachtscanada.com\/fr\/wp-json\/wp\/v2\/users\/119081455"}],"replies":[{"embeddable":true,"href":"https:\/\/itayachtscanada.com\/fr\/wp-json\/wp\/v2\/comments?post=203495"}],"version-history":[{"count":14,"href":"https:\/\/itayachtscanada.com\/fr\/wp-json\/wp\/v2\/listing\/203495\/revisions"}],"predecessor-version":[{"id":298329,"href":"https:\/\/itayachtscanada.com\/fr\/wp-json\/wp\/v2\/listing\/203495\/revisions\/298329"}],"wp:featuredmedia":[{"embeddable":true,"href":"https:\/\/itayachtscanada.com\/fr\/wp-json\/wp\/v2\/media\/203504"}],"wp:attachment":[{"href":"https:\/\/itayachtscanada.com\/fr\/wp-json\/wp\/v2\/media?parent=203495"}],"wp:term":[{"taxonomy":"manufacturer","embeddable":true,"href":"https:\/\/itayachtscanada.com\/fr\/wp-json\/wp\/v2\/manufacturer?post=203495"},{"taxonomy":"prix","embeddable":true,"href":"https:\/\/itayachtscanada.com\/fr\/wp-json\/wp\/v2\/prix?post=203495"},{"taxonomy":"years","embeddable":true,"href":"https:\/\/itayachtscanada.com\/fr\/wp-json\/wp\/v2\/years?post=203495"},{"taxonomy":"length_feet","embeddable":true,"href":"https:\/\/itayachtscanada.com\/fr\/wp-json\/wp\/v2\/length_feet?post=203495"},{"taxonomy":"boat_type","embeddable":true,"href":"https:\/\/itayachtscanada.com\/fr\/wp-json\/wp\/v2\/boat_type?post=203495"},{"taxonomy":"price_range","embeddable":true,"href":"https:\/\/itayachtscanada.com\/fr\/wp-json\/wp\/v2\/price_range?post=203495"},{"taxonomy":"localisations","embeddable":true,"href":"https:\/\/itayachtscanada.com\/fr\/wp-json\/wp\/v2\/localisations?post=203495"},{"taxonomy":"numyacht","embeddable":true,"href":"https:\/\/itayachtscanada.com\/fr\/wp-json\/wp\/v2\/numyacht?post=203495"},{"taxonomy":"datevente","embeddable":true,"href":"https:\/\/itayachtscanada.com\/fr\/wp-json\/wp\/v2\/datevente?post=203495"},{"taxonomy":"country","embeddable":true,"href":"https:\/\/itayachtscanada.com\/fr\/wp-json\/wp\/v2\/country?post=203495"},{"taxonomy":"states","embeddable":true,"href":"https:\/\/itayachtscanada.com\/fr\/wp-json\/wp\/v2\/states?post=203495"},{"taxonomy":"city","embeddable":true,"href":"https:\/\/itayachtscanada.com\/fr\/wp-json\/wp\/v2\/city?post=203495"},{"taxonomy":"fresh-water-boat","embeddable":true,"href":"https:\/\/itayachtscanada.com\/fr\/wp-json\/wp\/v2\/fresh-water-boat?post=203495"},{"taxonomy":"broker","embeddable":true,"href":"https:\/\/itayachtscanada.com\/fr\/wp-json\/wp\/v2\/broker?post=203495"},{"taxonomy":"migration","embeddable":true,"href":"https:\/\/itayachtscanada.com\/fr\/wp-json\/wp\/v2\/migration?post=203495"}],"curies":[{"name":"wp","href":"https:\/\/api.w.org\/{rel}","templated":true}]}}