{"id":202979,"date":"2025-02-02T09:55:43","date_gmt":"2025-02-02T14:55:43","guid":{"rendered":"https:\/\/itayachtscanada.com\/?post_type=listing&#038;p=202979"},"modified":"2026-03-09T16:55:46","modified_gmt":"2026-03-09T20:55:46","slug":"sunseeker-55-manhattan-2021-1800000-usd-for-sale","status":"publish","type":"listing","link":"https:\/\/itayachtscanada.com\/fr\/listing\/sunseeker-55-manhattan-2021-1800000-usd-for-sale\/","title":{"rendered":"Sunseeker 55 Manhattan 2021 $1,350,000 usd \u00e0 vendre"},"content":{"rendered":"<p>OFF MARKET (pr\u00e9sentement retir\u00e9 de la vente)<\/p>\n<p><strong>Sunseeker 55 Manhattan 2021 $1,350,000 usd \u00e0 vendre<\/strong><\/p>\n<p>Fiche technique pr\u00e9liminaire, la premi\u00e8re photo est de ce Sunseeker, les autres sont du fabricant.<\/p>\n<p>Le Sunseeker Manhattan 55 est un yacht avec flybridge raffin\u00e9 et contemporain qui allie parfaitement performance, confort et luxe. Con\u00e7u pour une croisi\u00e8re sans effort, ce mod\u00e8le 2021 illustre l&rsquo;engagement de Sunseeker en faveur de l&rsquo;innovation, avec un am\u00e9nagement intelligemment con\u00e7u qui maximise l&rsquo;espace tout en offrant des \u00e9quipements de premier ordre. Ses lignes \u00e9l\u00e9gantes et son int\u00e9rieur moderne garantissent une exp\u00e9rience de navigation haut de gamme.<\/p>\n<h3>Ce Sunseeker Manhattan 55 est situ\u00e9 dans le sud de la Floride, veuillez nous contacter au 514-521-1221 pour tous les d\u00e9tails concernant ce Sunseeker Yachts Manhattan 55, notre bureau est situ\u00e9 en banlieue de Montr\u00e9al.<\/h3>\n<p><a href=\"https:\/\/itayachtscanada.com\/fr\/virtuals_visits\/sunseeker-manhattan-55-nouveau\/\">Cliquez ici<\/a> pour une visite virtuelle du Sunseeker Manhattan 55.<\/p>\n<p>Sp\u00e9cifications principales<\/p>\n<p>Constructeur : Sunseeker<br \/>\nMod\u00e8le : Manhattan 55<br \/>\nAnn\u00e9e de construction : 2021<br \/>\nLongueur hors tout (LOA) : 56&rsquo;6 \u00bb (17.21 m)<br \/>\nLargeur : 16&rsquo;0 \u00bb (4.87 m)<br \/>\nTirant d&rsquo;eau : 4&rsquo;4 \u00bb (1.33 m)<br \/>\nTonnage brut : Environ 59 000 livres<br \/>\nType de coque : Planing<\/p>\n<p>Performances<\/p>\n<p>Moteurs : 2 x Volvo Penta D13-800 (800 HP chacun) avec arbres ou shafts avec 513 heures.<br \/>\nVitesse de croisi\u00e8re : 25 noeuds<br \/>\nVitesse de pointe : 32 noeuds<\/p>\n<p>Capacit\u00e9 du bateau<\/p>\n<p>Capacit\u00e9 de carburant : 580 gallons<br \/>\nCapacit\u00e9 en eau : 158 gallons<\/p>\n<p>H\u00e9bergement<\/p>\n<p>Capacit\u00e9 d&rsquo;accueil : Jusqu&rsquo;\u00e0 6 personnes<br \/>\nCabines :<br \/>\n1 cabine de ma\u00eetre \u00e0 pleine poutre (avec salle de bain)<br \/>\n1 cabine VIP avant (avec salle de bain)<br \/>\n1 cabine double (salle de bain partag\u00e9e)<br \/>\nLogement de l&rsquo;\u00e9quipage :<br \/>\n1 cabine d&rsquo;\u00e9quipage avec salle de bain<br \/>\nMembres d&rsquo;\u00e9quipage : Capitaine + 1<\/p>\n<p>Conception<\/p>\n<p>Design ext\u00e9rieur : Sunseeker International<br \/>\nDesign int\u00e9rieur : Sunseeker International<\/p>\n<p>&nbsp;<\/p>\n<p>&nbsp;<\/p>\n<div class=\"tiled-gallery type-rectangular tiled-gallery-unresized\" data-original-width=\"700\" data-carousel-extra='{&quot;blog_id&quot;:1,&quot;permalink&quot;:&quot;https:\\\/\\\/itayachtscanada.com\\\/fr\\\/listing\\\/sunseeker-55-manhattan-2021-1800000-usd-for-sale\\\/&quot;,&quot;likes_blog_id&quot;:198557287}' itemscope itemtype=\"http:\/\/schema.org\/ImageGallery\" > <div class=\"gallery-row\" style=\"width: 700px; height: 273px;\" data-original-width=\"700\" data-original-height=\"273\" > <div class=\"gallery-group images-1\" style=\"width: 365px; height: 273px;\" data-original-width=\"365\" data-original-height=\"273\" > <div class=\"tiled-gallery-item tiled-gallery-item-large\" itemprop=\"associatedMedia\" itemscope itemtype=\"http:\/\/schema.org\/ImageObject\"> <a href=\"https:\/\/itayachtscanada.com\/fr\/listing\/sunseeker-55-manhattan-2021-1800000-usd-for-sale\/capture-decran-le-2025-02-02-a-09-14-45\/\" border=\"0\" itemprop=\"url\"> <meta itemprop=\"width\" content=\"361\"> <meta itemprop=\"height\" content=\"269\"> <img decoding=\"async\" class=\"\" data-attachment-id=\"203030\" data-orig-file=\"https:\/\/itayachtscanada.com\/wp-content\/uploads\/2025\/02\/Capture-decran-le-2025-02-02-a-09.14.45.jpg\" data-orig-size=\"1450,1082\" data-comments-opened=\"1\" data-image-meta=\"{&quot;aperture&quot;:&quot;0&quot;,&quot;credit&quot;:&quot;&quot;,&quot;camera&quot;:&quot;&quot;,&quot;caption&quot;:&quot;&quot;,&quot;created_timestamp&quot;:&quot;0&quot;,&quot;copyright&quot;:&quot;&quot;,&quot;focal_length&quot;:&quot;0&quot;,&quot;iso&quot;:&quot;0&quot;,&quot;shutter_speed&quot;:&quot;0&quot;,&quot;title&quot;:&quot;&quot;,&quot;orientation&quot;:&quot;0&quot;}\" data-image-title=\"Capture d\u2019e\u0301cran, le 2025-02-02 a\u0300 09.14.45\" data-image-description=\"\" data-medium-file=\"https:\/\/i0.wp.com\/itayachtscanada.com\/wp-content\/uploads\/2025\/02\/Capture-decran-le-2025-02-02-a-09.14.45.jpg?fit=300%2C224&#038;ssl=1\" data-large-file=\"https:\/\/i0.wp.com\/itayachtscanada.com\/wp-content\/uploads\/2025\/02\/Capture-decran-le-2025-02-02-a-09.14.45.jpg?fit=700%2C522&#038;ssl=1\" src=\"https:\/\/i0.wp.com\/itayachtscanada.com\/wp-content\/uploads\/2025\/02\/Capture-decran-le-2025-02-02-a-09.14.45.jpg?w=361&#038;h=269&#038;ssl=1\" srcset=\"https:\/\/i0.wp.com\/itayachtscanada.com\/wp-content\/uploads\/2025\/02\/Capture-decran-le-2025-02-02-a-09.14.45.jpg?w=1450&amp;ssl=1 1450w, https:\/\/i0.wp.com\/itayachtscanada.com\/wp-content\/uploads\/2025\/02\/Capture-decran-le-2025-02-02-a-09.14.45.jpg?resize=300%2C224&amp;ssl=1 300w, https:\/\/i0.wp.com\/itayachtscanada.com\/wp-content\/uploads\/2025\/02\/Capture-decran-le-2025-02-02-a-09.14.45.jpg?resize=1024%2C764&amp;ssl=1 1024w, https:\/\/i0.wp.com\/itayachtscanada.com\/wp-content\/uploads\/2025\/02\/Capture-decran-le-2025-02-02-a-09.14.45.jpg?resize=768%2C573&amp;ssl=1 768w, https:\/\/i0.wp.com\/itayachtscanada.com\/wp-content\/uploads\/2025\/02\/Capture-decran-le-2025-02-02-a-09.14.45.jpg?resize=700%2C522&amp;ssl=1 700w, https:\/\/i0.wp.com\/itayachtscanada.com\/wp-content\/uploads\/2025\/02\/Capture-decran-le-2025-02-02-a-09.14.45.jpg?resize=536%2C400&amp;ssl=1 536w, https:\/\/i0.wp.com\/itayachtscanada.com\/wp-content\/uploads\/2025\/02\/Capture-decran-le-2025-02-02-a-09.14.45.jpg?w=1400&amp;ssl=1 1400w\" width=\"361\" height=\"269\" loading=\"lazy\" data-original-width=\"361\" data-original-height=\"269\" itemprop=\"http:\/\/schema.org\/image\" title=\"Capture d\u2019e\u0301cran, le 2025-02-02 a\u0300 09.14.45\" alt=\"Capture d\u2019e\u0301cran, le 2025-02-02 a\u0300 09.14.45\" style=\"width: 361px; height: 269px;\" \/> <\/a> <\/div> <\/div> <!-- close group --> <div class=\"gallery-group images-1\" style=\"width: 335px; height: 273px;\" data-original-width=\"335\" data-original-height=\"273\" > <div class=\"tiled-gallery-item tiled-gallery-item-large\" itemprop=\"associatedMedia\" itemscope itemtype=\"http:\/\/schema.org\/ImageObject\"> <a href=\"https:\/\/itayachtscanada.com\/fr\/listing\/sunseeker-55-manhattan-2021-1800000-usd-for-sale\/capture-decran-le-2025-02-02-a-09-19-35\/\" border=\"0\" itemprop=\"url\"> <meta itemprop=\"width\" content=\"331\"> <meta itemprop=\"height\" content=\"269\"> <img decoding=\"async\" class=\"\" data-attachment-id=\"203022\" data-orig-file=\"https:\/\/itayachtscanada.com\/wp-content\/uploads\/2025\/02\/Capture-decran-le-2025-02-02-a-09.19.35.jpg\" data-orig-size=\"1120,912\" data-comments-opened=\"1\" data-image-meta=\"{&quot;aperture&quot;:&quot;0&quot;,&quot;credit&quot;:&quot;&quot;,&quot;camera&quot;:&quot;&quot;,&quot;caption&quot;:&quot;&quot;,&quot;created_timestamp&quot;:&quot;0&quot;,&quot;copyright&quot;:&quot;&quot;,&quot;focal_length&quot;:&quot;0&quot;,&quot;iso&quot;:&quot;0&quot;,&quot;shutter_speed&quot;:&quot;0&quot;,&quot;title&quot;:&quot;&quot;,&quot;orientation&quot;:&quot;0&quot;}\" data-image-title=\"Capture d\u2019e\u0301cran, le 2025-02-02 a\u0300 09.19.35\" data-image-description=\"\" data-medium-file=\"https:\/\/i0.wp.com\/itayachtscanada.com\/wp-content\/uploads\/2025\/02\/Capture-decran-le-2025-02-02-a-09.19.35.jpg?fit=300%2C244&#038;ssl=1\" data-large-file=\"https:\/\/i0.wp.com\/itayachtscanada.com\/wp-content\/uploads\/2025\/02\/Capture-decran-le-2025-02-02-a-09.19.35.jpg?fit=700%2C570&#038;ssl=1\" src=\"https:\/\/i0.wp.com\/itayachtscanada.com\/wp-content\/uploads\/2025\/02\/Capture-decran-le-2025-02-02-a-09.19.35.jpg?w=331&#038;h=269&#038;ssl=1\" srcset=\"https:\/\/i0.wp.com\/itayachtscanada.com\/wp-content\/uploads\/2025\/02\/Capture-decran-le-2025-02-02-a-09.19.35.jpg?w=1120&amp;ssl=1 1120w, https:\/\/i0.wp.com\/itayachtscanada.com\/wp-content\/uploads\/2025\/02\/Capture-decran-le-2025-02-02-a-09.19.35.jpg?resize=300%2C244&amp;ssl=1 300w, https:\/\/i0.wp.com\/itayachtscanada.com\/wp-content\/uploads\/2025\/02\/Capture-decran-le-2025-02-02-a-09.19.35.jpg?resize=1024%2C834&amp;ssl=1 1024w, https:\/\/i0.wp.com\/itayachtscanada.com\/wp-content\/uploads\/2025\/02\/Capture-decran-le-2025-02-02-a-09.19.35.jpg?resize=768%2C625&amp;ssl=1 768w, https:\/\/i0.wp.com\/itayachtscanada.com\/wp-content\/uploads\/2025\/02\/Capture-decran-le-2025-02-02-a-09.19.35.jpg?resize=700%2C570&amp;ssl=1 700w, https:\/\/i0.wp.com\/itayachtscanada.com\/wp-content\/uploads\/2025\/02\/Capture-decran-le-2025-02-02-a-09.19.35.jpg?resize=491%2C400&amp;ssl=1 491w\" width=\"331\" height=\"269\" loading=\"lazy\" data-original-width=\"331\" data-original-height=\"269\" itemprop=\"http:\/\/schema.org\/image\" title=\"Capture d\u2019e\u0301cran, le 2025-02-02 a\u0300 09.19.35\" alt=\"Capture d\u2019e\u0301cran, le 2025-02-02 a\u0300 09.19.35\" style=\"width: 331px; height: 269px;\" \/> <\/a> <\/div> <\/div> <!-- close group --> <\/div> <!-- close row --> <div class=\"gallery-row\" style=\"width: 700px; height: 310px;\" data-original-width=\"700\" data-original-height=\"310\" > <div class=\"gallery-group images-1\" style=\"width: 700px; height: 310px;\" data-original-width=\"700\" data-original-height=\"310\" > <div class=\"tiled-gallery-item tiled-gallery-item-large\" itemprop=\"associatedMedia\" itemscope itemtype=\"http:\/\/schema.org\/ImageObject\"> <a href=\"https:\/\/itayachtscanada.com\/fr\/listing\/sunseeker-55-manhattan-2021-1800000-usd-for-sale\/capture-decran-le-2025-02-02-a-09-30-11\/\" border=\"0\" itemprop=\"url\"> <meta itemprop=\"width\" content=\"696\"> <meta itemprop=\"height\" content=\"306\"> <img decoding=\"async\" class=\"\" data-attachment-id=\"202996\" data-orig-file=\"https:\/\/itayachtscanada.com\/wp-content\/uploads\/2025\/02\/Capture-decran-le-2025-02-02-a-09.30.11.jpg\" data-orig-size=\"2548,1120\" data-comments-opened=\"1\" data-image-meta=\"{&quot;aperture&quot;:&quot;0&quot;,&quot;credit&quot;:&quot;&quot;,&quot;camera&quot;:&quot;&quot;,&quot;caption&quot;:&quot;&quot;,&quot;created_timestamp&quot;:&quot;0&quot;,&quot;copyright&quot;:&quot;&quot;,&quot;focal_length&quot;:&quot;0&quot;,&quot;iso&quot;:&quot;0&quot;,&quot;shutter_speed&quot;:&quot;0&quot;,&quot;title&quot;:&quot;&quot;,&quot;orientation&quot;:&quot;0&quot;}\" data-image-title=\"Capture d\u2019e\u0301cran, le 2025-02-02 a\u0300 09.30.11\" data-image-description=\"\" data-medium-file=\"https:\/\/i0.wp.com\/itayachtscanada.com\/wp-content\/uploads\/2025\/02\/Capture-decran-le-2025-02-02-a-09.30.11.jpg?fit=300%2C132&#038;ssl=1\" data-large-file=\"https:\/\/i0.wp.com\/itayachtscanada.com\/wp-content\/uploads\/2025\/02\/Capture-decran-le-2025-02-02-a-09.30.11.jpg?fit=700%2C308&#038;ssl=1\" src=\"https:\/\/i0.wp.com\/itayachtscanada.com\/wp-content\/uploads\/2025\/02\/Capture-decran-le-2025-02-02-a-09.30.11.jpg?w=696&#038;h=306&#038;ssl=1\" srcset=\"https:\/\/i0.wp.com\/itayachtscanada.com\/wp-content\/uploads\/2025\/02\/Capture-decran-le-2025-02-02-a-09.30.11.jpg?w=2548&amp;ssl=1 2548w, https:\/\/i0.wp.com\/itayachtscanada.com\/wp-content\/uploads\/2025\/02\/Capture-decran-le-2025-02-02-a-09.30.11.jpg?resize=300%2C132&amp;ssl=1 300w, https:\/\/i0.wp.com\/itayachtscanada.com\/wp-content\/uploads\/2025\/02\/Capture-decran-le-2025-02-02-a-09.30.11.jpg?resize=1024%2C450&amp;ssl=1 1024w, https:\/\/i0.wp.com\/itayachtscanada.com\/wp-content\/uploads\/2025\/02\/Capture-decran-le-2025-02-02-a-09.30.11.jpg?resize=768%2C338&amp;ssl=1 768w, https:\/\/i0.wp.com\/itayachtscanada.com\/wp-content\/uploads\/2025\/02\/Capture-decran-le-2025-02-02-a-09.30.11.jpg?resize=1536%2C675&amp;ssl=1 1536w, https:\/\/i0.wp.com\/itayachtscanada.com\/wp-content\/uploads\/2025\/02\/Capture-decran-le-2025-02-02-a-09.30.11.jpg?resize=2048%2C900&amp;ssl=1 2048w, https:\/\/i0.wp.com\/itayachtscanada.com\/wp-content\/uploads\/2025\/02\/Capture-decran-le-2025-02-02-a-09.30.11.jpg?resize=700%2C308&amp;ssl=1 700w, https:\/\/i0.wp.com\/itayachtscanada.com\/wp-content\/uploads\/2025\/02\/Capture-decran-le-2025-02-02-a-09.30.11.jpg?resize=2000%2C879&amp;ssl=1 2000w, https:\/\/i0.wp.com\/itayachtscanada.com\/wp-content\/uploads\/2025\/02\/Capture-decran-le-2025-02-02-a-09.30.11.jpg?resize=910%2C400&amp;ssl=1 910w, https:\/\/i0.wp.com\/itayachtscanada.com\/wp-content\/uploads\/2025\/02\/Capture-decran-le-2025-02-02-a-09.30.11.jpg?w=1400&amp;ssl=1 1400w, https:\/\/i0.wp.com\/itayachtscanada.com\/wp-content\/uploads\/2025\/02\/Capture-decran-le-2025-02-02-a-09.30.11.jpg?w=2100&amp;ssl=1 2100w\" width=\"696\" height=\"306\" loading=\"lazy\" data-original-width=\"696\" data-original-height=\"306\" itemprop=\"http:\/\/schema.org\/image\" title=\"Capture d\u2019e\u0301cran, le 2025-02-02 a\u0300 09.30.11\" alt=\"Capture d\u2019e\u0301cran, le 2025-02-02 a\u0300 09.30.11\" style=\"width: 696px; height: 306px;\" \/> <\/a> <\/div> <\/div> <!-- close group --> <\/div> <!-- close row --> <div class=\"gallery-row\" style=\"width: 700px; height: 310px;\" data-original-width=\"700\" data-original-height=\"310\" > <div class=\"gallery-group images-1\" style=\"width: 700px; height: 310px;\" data-original-width=\"700\" data-original-height=\"310\" > <div class=\"tiled-gallery-item tiled-gallery-item-large\" itemprop=\"associatedMedia\" itemscope itemtype=\"http:\/\/schema.org\/ImageObject\"> <a href=\"https:\/\/itayachtscanada.com\/fr\/listing\/sunseeker-55-manhattan-2021-1800000-usd-for-sale\/capture-decran-le-2025-02-02-a-09-30-17\/\" border=\"0\" itemprop=\"url\"> <meta itemprop=\"width\" content=\"696\"> <meta itemprop=\"height\" content=\"306\"> <img decoding=\"async\" class=\"\" data-attachment-id=\"202994\" data-orig-file=\"https:\/\/itayachtscanada.com\/wp-content\/uploads\/2025\/02\/Capture-decran-le-2025-02-02-a-09.30.17.jpg\" data-orig-size=\"2548,1120\" data-comments-opened=\"1\" data-image-meta=\"{&quot;aperture&quot;:&quot;0&quot;,&quot;credit&quot;:&quot;&quot;,&quot;camera&quot;:&quot;&quot;,&quot;caption&quot;:&quot;&quot;,&quot;created_timestamp&quot;:&quot;0&quot;,&quot;copyright&quot;:&quot;&quot;,&quot;focal_length&quot;:&quot;0&quot;,&quot;iso&quot;:&quot;0&quot;,&quot;shutter_speed&quot;:&quot;0&quot;,&quot;title&quot;:&quot;&quot;,&quot;orientation&quot;:&quot;0&quot;}\" data-image-title=\"Capture d\u2019e\u0301cran, le 2025-02-02 a\u0300 09.30.17\" data-image-description=\"\" data-medium-file=\"https:\/\/i0.wp.com\/itayachtscanada.com\/wp-content\/uploads\/2025\/02\/Capture-decran-le-2025-02-02-a-09.30.17.jpg?fit=300%2C132&#038;ssl=1\" data-large-file=\"https:\/\/i0.wp.com\/itayachtscanada.com\/wp-content\/uploads\/2025\/02\/Capture-decran-le-2025-02-02-a-09.30.17.jpg?fit=700%2C308&#038;ssl=1\" src=\"https:\/\/i0.wp.com\/itayachtscanada.com\/wp-content\/uploads\/2025\/02\/Capture-decran-le-2025-02-02-a-09.30.17.jpg?w=696&#038;h=306&#038;ssl=1\" srcset=\"https:\/\/i0.wp.com\/itayachtscanada.com\/wp-content\/uploads\/2025\/02\/Capture-decran-le-2025-02-02-a-09.30.17.jpg?w=2548&amp;ssl=1 2548w, https:\/\/i0.wp.com\/itayachtscanada.com\/wp-content\/uploads\/2025\/02\/Capture-decran-le-2025-02-02-a-09.30.17.jpg?resize=300%2C132&amp;ssl=1 300w, https:\/\/i0.wp.com\/itayachtscanada.com\/wp-content\/uploads\/2025\/02\/Capture-decran-le-2025-02-02-a-09.30.17.jpg?resize=1024%2C450&amp;ssl=1 1024w, https:\/\/i0.wp.com\/itayachtscanada.com\/wp-content\/uploads\/2025\/02\/Capture-decran-le-2025-02-02-a-09.30.17.jpg?resize=768%2C338&amp;ssl=1 768w, https:\/\/i0.wp.com\/itayachtscanada.com\/wp-content\/uploads\/2025\/02\/Capture-decran-le-2025-02-02-a-09.30.17.jpg?resize=1536%2C675&amp;ssl=1 1536w, https:\/\/i0.wp.com\/itayachtscanada.com\/wp-content\/uploads\/2025\/02\/Capture-decran-le-2025-02-02-a-09.30.17.jpg?resize=2048%2C900&amp;ssl=1 2048w, https:\/\/i0.wp.com\/itayachtscanada.com\/wp-content\/uploads\/2025\/02\/Capture-decran-le-2025-02-02-a-09.30.17.jpg?resize=700%2C308&amp;ssl=1 700w, https:\/\/i0.wp.com\/itayachtscanada.com\/wp-content\/uploads\/2025\/02\/Capture-decran-le-2025-02-02-a-09.30.17.jpg?resize=2000%2C879&amp;ssl=1 2000w, https:\/\/i0.wp.com\/itayachtscanada.com\/wp-content\/uploads\/2025\/02\/Capture-decran-le-2025-02-02-a-09.30.17.jpg?resize=910%2C400&amp;ssl=1 910w, https:\/\/i0.wp.com\/itayachtscanada.com\/wp-content\/uploads\/2025\/02\/Capture-decran-le-2025-02-02-a-09.30.17.jpg?w=1400&amp;ssl=1 1400w, https:\/\/i0.wp.com\/itayachtscanada.com\/wp-content\/uploads\/2025\/02\/Capture-decran-le-2025-02-02-a-09.30.17.jpg?w=2100&amp;ssl=1 2100w\" width=\"696\" height=\"306\" loading=\"lazy\" data-original-width=\"696\" data-original-height=\"306\" itemprop=\"http:\/\/schema.org\/image\" title=\"Capture d\u2019e\u0301cran, le 2025-02-02 a\u0300 09.30.17\" alt=\"Capture d\u2019e\u0301cran, le 2025-02-02 a\u0300 09.30.17\" style=\"width: 696px; height: 306px;\" \/> <\/a> <\/div> <\/div> <!-- close group --> <\/div> <!-- close row --> <div class=\"gallery-row\" style=\"width: 700px; height: 310px;\" data-original-width=\"700\" data-original-height=\"310\" > <div class=\"gallery-group images-1\" style=\"width: 700px; height: 310px;\" data-original-width=\"700\" data-original-height=\"310\" > <div class=\"tiled-gallery-item tiled-gallery-item-large\" itemprop=\"associatedMedia\" itemscope itemtype=\"http:\/\/schema.org\/ImageObject\"> <a href=\"https:\/\/itayachtscanada.com\/fr\/listing\/sunseeker-55-manhattan-2021-1800000-usd-for-sale\/capture-decran-le-2025-02-02-a-09-31-07\/\" border=\"0\" itemprop=\"url\"> <meta itemprop=\"width\" content=\"696\"> <meta itemprop=\"height\" content=\"306\"> <img decoding=\"async\" class=\"\" data-attachment-id=\"202992\" data-orig-file=\"https:\/\/itayachtscanada.com\/wp-content\/uploads\/2025\/02\/Capture-decran-le-2025-02-02-a-09.31.07.jpg\" data-orig-size=\"2548,1120\" data-comments-opened=\"1\" data-image-meta=\"{&quot;aperture&quot;:&quot;0&quot;,&quot;credit&quot;:&quot;&quot;,&quot;camera&quot;:&quot;&quot;,&quot;caption&quot;:&quot;&quot;,&quot;created_timestamp&quot;:&quot;0&quot;,&quot;copyright&quot;:&quot;&quot;,&quot;focal_length&quot;:&quot;0&quot;,&quot;iso&quot;:&quot;0&quot;,&quot;shutter_speed&quot;:&quot;0&quot;,&quot;title&quot;:&quot;&quot;,&quot;orientation&quot;:&quot;0&quot;}\" data-image-title=\"Capture d\u2019e\u0301cran, le 2025-02-02 a\u0300 09.31.07\" data-image-description=\"\" data-medium-file=\"https:\/\/i0.wp.com\/itayachtscanada.com\/wp-content\/uploads\/2025\/02\/Capture-decran-le-2025-02-02-a-09.31.07.jpg?fit=300%2C132&#038;ssl=1\" data-large-file=\"https:\/\/i0.wp.com\/itayachtscanada.com\/wp-content\/uploads\/2025\/02\/Capture-decran-le-2025-02-02-a-09.31.07.jpg?fit=700%2C308&#038;ssl=1\" src=\"https:\/\/i0.wp.com\/itayachtscanada.com\/wp-content\/uploads\/2025\/02\/Capture-decran-le-2025-02-02-a-09.31.07.jpg?w=696&#038;h=306&#038;ssl=1\" srcset=\"https:\/\/i0.wp.com\/itayachtscanada.com\/wp-content\/uploads\/2025\/02\/Capture-decran-le-2025-02-02-a-09.31.07.jpg?w=2548&amp;ssl=1 2548w, https:\/\/i0.wp.com\/itayachtscanada.com\/wp-content\/uploads\/2025\/02\/Capture-decran-le-2025-02-02-a-09.31.07.jpg?resize=300%2C132&amp;ssl=1 300w, https:\/\/i0.wp.com\/itayachtscanada.com\/wp-content\/uploads\/2025\/02\/Capture-decran-le-2025-02-02-a-09.31.07.jpg?resize=1024%2C450&amp;ssl=1 1024w, https:\/\/i0.wp.com\/itayachtscanada.com\/wp-content\/uploads\/2025\/02\/Capture-decran-le-2025-02-02-a-09.31.07.jpg?resize=768%2C338&amp;ssl=1 768w, https:\/\/i0.wp.com\/itayachtscanada.com\/wp-content\/uploads\/2025\/02\/Capture-decran-le-2025-02-02-a-09.31.07.jpg?resize=1536%2C675&amp;ssl=1 1536w, https:\/\/i0.wp.com\/itayachtscanada.com\/wp-content\/uploads\/2025\/02\/Capture-decran-le-2025-02-02-a-09.31.07.jpg?resize=2048%2C900&amp;ssl=1 2048w, https:\/\/i0.wp.com\/itayachtscanada.com\/wp-content\/uploads\/2025\/02\/Capture-decran-le-2025-02-02-a-09.31.07.jpg?resize=700%2C308&amp;ssl=1 700w, https:\/\/i0.wp.com\/itayachtscanada.com\/wp-content\/uploads\/2025\/02\/Capture-decran-le-2025-02-02-a-09.31.07.jpg?resize=2000%2C879&amp;ssl=1 2000w, https:\/\/i0.wp.com\/itayachtscanada.com\/wp-content\/uploads\/2025\/02\/Capture-decran-le-2025-02-02-a-09.31.07.jpg?resize=910%2C400&amp;ssl=1 910w, https:\/\/i0.wp.com\/itayachtscanada.com\/wp-content\/uploads\/2025\/02\/Capture-decran-le-2025-02-02-a-09.31.07.jpg?w=1400&amp;ssl=1 1400w, https:\/\/i0.wp.com\/itayachtscanada.com\/wp-content\/uploads\/2025\/02\/Capture-decran-le-2025-02-02-a-09.31.07.jpg?w=2100&amp;ssl=1 2100w\" width=\"696\" height=\"306\" loading=\"lazy\" data-original-width=\"696\" data-original-height=\"306\" itemprop=\"http:\/\/schema.org\/image\" title=\"Capture d\u2019e\u0301cran, le 2025-02-02 a\u0300 09.31.07\" alt=\"Capture d\u2019e\u0301cran, le 2025-02-02 a\u0300 09.31.07\" style=\"width: 696px; height: 306px;\" \/> <\/a> <\/div> <\/div> <!-- close group --> <\/div> <!-- close row --> <div class=\"gallery-row\" style=\"width: 700px; height: 310px;\" data-original-width=\"700\" data-original-height=\"310\" > <div class=\"gallery-group images-1\" style=\"width: 700px; height: 310px;\" data-original-width=\"700\" data-original-height=\"310\" > <div class=\"tiled-gallery-item tiled-gallery-item-large\" itemprop=\"associatedMedia\" itemscope itemtype=\"http:\/\/schema.org\/ImageObject\"> <a href=\"https:\/\/itayachtscanada.com\/fr\/listing\/sunseeker-55-manhattan-2021-1800000-usd-for-sale\/capture-decran-le-2025-02-02-a-09-31-09\/\" border=\"0\" itemprop=\"url\"> <meta itemprop=\"width\" content=\"696\"> <meta itemprop=\"height\" content=\"306\"> <img decoding=\"async\" class=\"\" data-attachment-id=\"202991\" data-orig-file=\"https:\/\/itayachtscanada.com\/wp-content\/uploads\/2025\/02\/Capture-decran-le-2025-02-02-a-09.31.09.jpg\" data-orig-size=\"2548,1120\" data-comments-opened=\"1\" data-image-meta=\"{&quot;aperture&quot;:&quot;0&quot;,&quot;credit&quot;:&quot;&quot;,&quot;camera&quot;:&quot;&quot;,&quot;caption&quot;:&quot;&quot;,&quot;created_timestamp&quot;:&quot;0&quot;,&quot;copyright&quot;:&quot;&quot;,&quot;focal_length&quot;:&quot;0&quot;,&quot;iso&quot;:&quot;0&quot;,&quot;shutter_speed&quot;:&quot;0&quot;,&quot;title&quot;:&quot;&quot;,&quot;orientation&quot;:&quot;0&quot;}\" data-image-title=\"Capture d\u2019e\u0301cran, le 2025-02-02 a\u0300 09.31.09\" data-image-description=\"\" data-medium-file=\"https:\/\/i0.wp.com\/itayachtscanada.com\/wp-content\/uploads\/2025\/02\/Capture-decran-le-2025-02-02-a-09.31.09.jpg?fit=300%2C132&#038;ssl=1\" data-large-file=\"https:\/\/i0.wp.com\/itayachtscanada.com\/wp-content\/uploads\/2025\/02\/Capture-decran-le-2025-02-02-a-09.31.09.jpg?fit=700%2C308&#038;ssl=1\" src=\"https:\/\/i0.wp.com\/itayachtscanada.com\/wp-content\/uploads\/2025\/02\/Capture-decran-le-2025-02-02-a-09.31.09.jpg?w=696&#038;h=306&#038;ssl=1\" srcset=\"https:\/\/i0.wp.com\/itayachtscanada.com\/wp-content\/uploads\/2025\/02\/Capture-decran-le-2025-02-02-a-09.31.09.jpg?w=2548&amp;ssl=1 2548w, https:\/\/i0.wp.com\/itayachtscanada.com\/wp-content\/uploads\/2025\/02\/Capture-decran-le-2025-02-02-a-09.31.09.jpg?resize=300%2C132&amp;ssl=1 300w, https:\/\/i0.wp.com\/itayachtscanada.com\/wp-content\/uploads\/2025\/02\/Capture-decran-le-2025-02-02-a-09.31.09.jpg?resize=1024%2C450&amp;ssl=1 1024w, https:\/\/i0.wp.com\/itayachtscanada.com\/wp-content\/uploads\/2025\/02\/Capture-decran-le-2025-02-02-a-09.31.09.jpg?resize=768%2C338&amp;ssl=1 768w, https:\/\/i0.wp.com\/itayachtscanada.com\/wp-content\/uploads\/2025\/02\/Capture-decran-le-2025-02-02-a-09.31.09.jpg?resize=1536%2C675&amp;ssl=1 1536w, https:\/\/i0.wp.com\/itayachtscanada.com\/wp-content\/uploads\/2025\/02\/Capture-decran-le-2025-02-02-a-09.31.09.jpg?resize=2048%2C900&amp;ssl=1 2048w, https:\/\/i0.wp.com\/itayachtscanada.com\/wp-content\/uploads\/2025\/02\/Capture-decran-le-2025-02-02-a-09.31.09.jpg?resize=700%2C308&amp;ssl=1 700w, https:\/\/i0.wp.com\/itayachtscanada.com\/wp-content\/uploads\/2025\/02\/Capture-decran-le-2025-02-02-a-09.31.09.jpg?resize=2000%2C879&amp;ssl=1 2000w, https:\/\/i0.wp.com\/itayachtscanada.com\/wp-content\/uploads\/2025\/02\/Capture-decran-le-2025-02-02-a-09.31.09.jpg?resize=910%2C400&amp;ssl=1 910w, https:\/\/i0.wp.com\/itayachtscanada.com\/wp-content\/uploads\/2025\/02\/Capture-decran-le-2025-02-02-a-09.31.09.jpg?w=1400&amp;ssl=1 1400w, https:\/\/i0.wp.com\/itayachtscanada.com\/wp-content\/uploads\/2025\/02\/Capture-decran-le-2025-02-02-a-09.31.09.jpg?w=2100&amp;ssl=1 2100w\" width=\"696\" height=\"306\" loading=\"lazy\" data-original-width=\"696\" data-original-height=\"306\" itemprop=\"http:\/\/schema.org\/image\" title=\"Capture d\u2019e\u0301cran, le 2025-02-02 a\u0300 09.31.09\" alt=\"Capture d\u2019e\u0301cran, le 2025-02-02 a\u0300 09.31.09\" style=\"width: 696px; height: 306px;\" \/> <\/a> <\/div> <\/div> <!-- close group --> <\/div> <!-- close row --> <div class=\"gallery-row\" style=\"width: 700px; height: 289px;\" data-original-width=\"700\" data-original-height=\"289\" > <div class=\"gallery-group images-1\" style=\"width: 700px; height: 289px;\" data-original-width=\"700\" data-original-height=\"289\" > <div class=\"tiled-gallery-item tiled-gallery-item-large\" itemprop=\"associatedMedia\" itemscope itemtype=\"http:\/\/schema.org\/ImageObject\"> <a href=\"https:\/\/itayachtscanada.com\/fr\/listing\/sunseeker-55-manhattan-2021-1800000-usd-for-sale\/capture-decran-le-2025-02-02-a-09-20-00\/\" border=\"0\" itemprop=\"url\"> <meta itemprop=\"width\" content=\"696\"> <meta itemprop=\"height\" content=\"285\"> <img decoding=\"async\" class=\"\" data-attachment-id=\"203021\" data-orig-file=\"https:\/\/itayachtscanada.com\/wp-content\/uploads\/2025\/02\/Capture-decran-le-2025-02-02-a-09.20.00.jpg\" data-orig-size=\"2636,1078\" data-comments-opened=\"1\" data-image-meta=\"{&quot;aperture&quot;:&quot;0&quot;,&quot;credit&quot;:&quot;&quot;,&quot;camera&quot;:&quot;&quot;,&quot;caption&quot;:&quot;&quot;,&quot;created_timestamp&quot;:&quot;0&quot;,&quot;copyright&quot;:&quot;&quot;,&quot;focal_length&quot;:&quot;0&quot;,&quot;iso&quot;:&quot;0&quot;,&quot;shutter_speed&quot;:&quot;0&quot;,&quot;title&quot;:&quot;&quot;,&quot;orientation&quot;:&quot;0&quot;}\" data-image-title=\"Capture d\u2019e\u0301cran, le 2025-02-02 a\u0300 09.20.00\" data-image-description=\"\" data-medium-file=\"https:\/\/i0.wp.com\/itayachtscanada.com\/wp-content\/uploads\/2025\/02\/Capture-decran-le-2025-02-02-a-09.20.00.jpg?fit=300%2C123&#038;ssl=1\" data-large-file=\"https:\/\/i0.wp.com\/itayachtscanada.com\/wp-content\/uploads\/2025\/02\/Capture-decran-le-2025-02-02-a-09.20.00.jpg?fit=700%2C286&#038;ssl=1\" src=\"https:\/\/i0.wp.com\/itayachtscanada.com\/wp-content\/uploads\/2025\/02\/Capture-decran-le-2025-02-02-a-09.20.00.jpg?w=696&#038;h=285&#038;ssl=1\" srcset=\"https:\/\/i0.wp.com\/itayachtscanada.com\/wp-content\/uploads\/2025\/02\/Capture-decran-le-2025-02-02-a-09.20.00.jpg?w=2636&amp;ssl=1 2636w, https:\/\/i0.wp.com\/itayachtscanada.com\/wp-content\/uploads\/2025\/02\/Capture-decran-le-2025-02-02-a-09.20.00.jpg?resize=300%2C123&amp;ssl=1 300w, https:\/\/i0.wp.com\/itayachtscanada.com\/wp-content\/uploads\/2025\/02\/Capture-decran-le-2025-02-02-a-09.20.00.jpg?resize=1024%2C419&amp;ssl=1 1024w, https:\/\/i0.wp.com\/itayachtscanada.com\/wp-content\/uploads\/2025\/02\/Capture-decran-le-2025-02-02-a-09.20.00.jpg?resize=768%2C314&amp;ssl=1 768w, https:\/\/i0.wp.com\/itayachtscanada.com\/wp-content\/uploads\/2025\/02\/Capture-decran-le-2025-02-02-a-09.20.00.jpg?resize=1536%2C628&amp;ssl=1 1536w, https:\/\/i0.wp.com\/itayachtscanada.com\/wp-content\/uploads\/2025\/02\/Capture-decran-le-2025-02-02-a-09.20.00.jpg?resize=2048%2C838&amp;ssl=1 2048w, https:\/\/i0.wp.com\/itayachtscanada.com\/wp-content\/uploads\/2025\/02\/Capture-decran-le-2025-02-02-a-09.20.00.jpg?resize=700%2C286&amp;ssl=1 700w, https:\/\/i0.wp.com\/itayachtscanada.com\/wp-content\/uploads\/2025\/02\/Capture-decran-le-2025-02-02-a-09.20.00.jpg?resize=2000%2C818&amp;ssl=1 2000w, https:\/\/i0.wp.com\/itayachtscanada.com\/wp-content\/uploads\/2025\/02\/Capture-decran-le-2025-02-02-a-09.20.00.jpg?resize=978%2C400&amp;ssl=1 978w, https:\/\/i0.wp.com\/itayachtscanada.com\/wp-content\/uploads\/2025\/02\/Capture-decran-le-2025-02-02-a-09.20.00.jpg?w=1400&amp;ssl=1 1400w, https:\/\/i0.wp.com\/itayachtscanada.com\/wp-content\/uploads\/2025\/02\/Capture-decran-le-2025-02-02-a-09.20.00.jpg?w=2100&amp;ssl=1 2100w\" width=\"696\" height=\"285\" loading=\"lazy\" data-original-width=\"696\" data-original-height=\"285\" itemprop=\"http:\/\/schema.org\/image\" title=\"Capture d\u2019e\u0301cran, le 2025-02-02 a\u0300 09.20.00\" alt=\"Capture d\u2019e\u0301cran, le 2025-02-02 a\u0300 09.20.00\" style=\"width: 696px; height: 285px;\" \/> <\/a> <\/div> <\/div> <!-- close group --> <\/div> <!-- close row --> <div class=\"gallery-row\" style=\"width: 700px; height: 310px;\" data-original-width=\"700\" data-original-height=\"310\" > <div class=\"gallery-group images-1\" style=\"width: 700px; height: 310px;\" data-original-width=\"700\" data-original-height=\"310\" > <div class=\"tiled-gallery-item tiled-gallery-item-large\" itemprop=\"associatedMedia\" itemscope itemtype=\"http:\/\/schema.org\/ImageObject\"> <a href=\"https:\/\/itayachtscanada.com\/fr\/listing\/sunseeker-55-manhattan-2021-1800000-usd-for-sale\/capture-decran-le-2025-02-02-a-09-31-45\/\" border=\"0\" itemprop=\"url\"> <meta itemprop=\"width\" content=\"696\"> <meta itemprop=\"height\" content=\"306\"> <img decoding=\"async\" class=\"\" data-attachment-id=\"202987\" data-orig-file=\"https:\/\/itayachtscanada.com\/wp-content\/uploads\/2025\/02\/Capture-decran-le-2025-02-02-a-09.31.45.jpg\" data-orig-size=\"2548,1120\" data-comments-opened=\"1\" data-image-meta=\"{&quot;aperture&quot;:&quot;0&quot;,&quot;credit&quot;:&quot;&quot;,&quot;camera&quot;:&quot;&quot;,&quot;caption&quot;:&quot;&quot;,&quot;created_timestamp&quot;:&quot;0&quot;,&quot;copyright&quot;:&quot;&quot;,&quot;focal_length&quot;:&quot;0&quot;,&quot;iso&quot;:&quot;0&quot;,&quot;shutter_speed&quot;:&quot;0&quot;,&quot;title&quot;:&quot;&quot;,&quot;orientation&quot;:&quot;0&quot;}\" data-image-title=\"Capture d\u2019e\u0301cran, le 2025-02-02 a\u0300 09.31.45\" data-image-description=\"\" data-medium-file=\"https:\/\/i0.wp.com\/itayachtscanada.com\/wp-content\/uploads\/2025\/02\/Capture-decran-le-2025-02-02-a-09.31.45.jpg?fit=300%2C132&#038;ssl=1\" data-large-file=\"https:\/\/i0.wp.com\/itayachtscanada.com\/wp-content\/uploads\/2025\/02\/Capture-decran-le-2025-02-02-a-09.31.45.jpg?fit=700%2C308&#038;ssl=1\" src=\"https:\/\/i0.wp.com\/itayachtscanada.com\/wp-content\/uploads\/2025\/02\/Capture-decran-le-2025-02-02-a-09.31.45.jpg?w=696&#038;h=306&#038;ssl=1\" srcset=\"https:\/\/i0.wp.com\/itayachtscanada.com\/wp-content\/uploads\/2025\/02\/Capture-decran-le-2025-02-02-a-09.31.45.jpg?w=2548&amp;ssl=1 2548w, https:\/\/i0.wp.com\/itayachtscanada.com\/wp-content\/uploads\/2025\/02\/Capture-decran-le-2025-02-02-a-09.31.45.jpg?resize=300%2C132&amp;ssl=1 300w, https:\/\/i0.wp.com\/itayachtscanada.com\/wp-content\/uploads\/2025\/02\/Capture-decran-le-2025-02-02-a-09.31.45.jpg?resize=1024%2C450&amp;ssl=1 1024w, https:\/\/i0.wp.com\/itayachtscanada.com\/wp-content\/uploads\/2025\/02\/Capture-decran-le-2025-02-02-a-09.31.45.jpg?resize=768%2C338&amp;ssl=1 768w, https:\/\/i0.wp.com\/itayachtscanada.com\/wp-content\/uploads\/2025\/02\/Capture-decran-le-2025-02-02-a-09.31.45.jpg?resize=1536%2C675&amp;ssl=1 1536w, https:\/\/i0.wp.com\/itayachtscanada.com\/wp-content\/uploads\/2025\/02\/Capture-decran-le-2025-02-02-a-09.31.45.jpg?resize=2048%2C900&amp;ssl=1 2048w, https:\/\/i0.wp.com\/itayachtscanada.com\/wp-content\/uploads\/2025\/02\/Capture-decran-le-2025-02-02-a-09.31.45.jpg?resize=700%2C308&amp;ssl=1 700w, https:\/\/i0.wp.com\/itayachtscanada.com\/wp-content\/uploads\/2025\/02\/Capture-decran-le-2025-02-02-a-09.31.45.jpg?resize=2000%2C879&amp;ssl=1 2000w, https:\/\/i0.wp.com\/itayachtscanada.com\/wp-content\/uploads\/2025\/02\/Capture-decran-le-2025-02-02-a-09.31.45.jpg?resize=910%2C400&amp;ssl=1 910w, https:\/\/i0.wp.com\/itayachtscanada.com\/wp-content\/uploads\/2025\/02\/Capture-decran-le-2025-02-02-a-09.31.45.jpg?w=1400&amp;ssl=1 1400w, https:\/\/i0.wp.com\/itayachtscanada.com\/wp-content\/uploads\/2025\/02\/Capture-decran-le-2025-02-02-a-09.31.45.jpg?w=2100&amp;ssl=1 2100w\" width=\"696\" height=\"306\" loading=\"lazy\" data-original-width=\"696\" data-original-height=\"306\" itemprop=\"http:\/\/schema.org\/image\" title=\"Capture d\u2019e\u0301cran, le 2025-02-02 a\u0300 09.31.45\" alt=\"Capture d\u2019e\u0301cran, le 2025-02-02 a\u0300 09.31.45\" style=\"width: 696px; height: 306px;\" \/> <\/a> <\/div> <\/div> <!-- close group --> <\/div> <!-- close row --> <div class=\"gallery-row\" style=\"width: 700px; height: 310px;\" data-original-width=\"700\" data-original-height=\"310\" > <div class=\"gallery-group images-1\" style=\"width: 700px; height: 310px;\" data-original-width=\"700\" data-original-height=\"310\" > <div class=\"tiled-gallery-item tiled-gallery-item-large\" itemprop=\"associatedMedia\" itemscope itemtype=\"http:\/\/schema.org\/ImageObject\"> <a href=\"https:\/\/itayachtscanada.com\/fr\/listing\/sunseeker-55-manhattan-2021-1800000-usd-for-sale\/capture-decran-le-2025-02-02-a-09-31-25\/\" border=\"0\" itemprop=\"url\"> <meta itemprop=\"width\" content=\"696\"> <meta itemprop=\"height\" content=\"306\"> <img decoding=\"async\" class=\"\" data-attachment-id=\"202988\" data-orig-file=\"https:\/\/itayachtscanada.com\/wp-content\/uploads\/2025\/02\/Capture-decran-le-2025-02-02-a-09.31.25.jpg\" data-orig-size=\"2548,1120\" data-comments-opened=\"1\" data-image-meta=\"{&quot;aperture&quot;:&quot;0&quot;,&quot;credit&quot;:&quot;&quot;,&quot;camera&quot;:&quot;&quot;,&quot;caption&quot;:&quot;&quot;,&quot;created_timestamp&quot;:&quot;0&quot;,&quot;copyright&quot;:&quot;&quot;,&quot;focal_length&quot;:&quot;0&quot;,&quot;iso&quot;:&quot;0&quot;,&quot;shutter_speed&quot;:&quot;0&quot;,&quot;title&quot;:&quot;&quot;,&quot;orientation&quot;:&quot;0&quot;}\" data-image-title=\"Capture d\u2019e\u0301cran, le 2025-02-02 a\u0300 09.31.25\" data-image-description=\"\" data-medium-file=\"https:\/\/i0.wp.com\/itayachtscanada.com\/wp-content\/uploads\/2025\/02\/Capture-decran-le-2025-02-02-a-09.31.25.jpg?fit=300%2C132&#038;ssl=1\" data-large-file=\"https:\/\/i0.wp.com\/itayachtscanada.com\/wp-content\/uploads\/2025\/02\/Capture-decran-le-2025-02-02-a-09.31.25.jpg?fit=700%2C308&#038;ssl=1\" src=\"https:\/\/i0.wp.com\/itayachtscanada.com\/wp-content\/uploads\/2025\/02\/Capture-decran-le-2025-02-02-a-09.31.25.jpg?w=696&#038;h=306&#038;ssl=1\" srcset=\"https:\/\/i0.wp.com\/itayachtscanada.com\/wp-content\/uploads\/2025\/02\/Capture-decran-le-2025-02-02-a-09.31.25.jpg?w=2548&amp;ssl=1 2548w, https:\/\/i0.wp.com\/itayachtscanada.com\/wp-content\/uploads\/2025\/02\/Capture-decran-le-2025-02-02-a-09.31.25.jpg?resize=300%2C132&amp;ssl=1 300w, https:\/\/i0.wp.com\/itayachtscanada.com\/wp-content\/uploads\/2025\/02\/Capture-decran-le-2025-02-02-a-09.31.25.jpg?resize=1024%2C450&amp;ssl=1 1024w, https:\/\/i0.wp.com\/itayachtscanada.com\/wp-content\/uploads\/2025\/02\/Capture-decran-le-2025-02-02-a-09.31.25.jpg?resize=768%2C338&amp;ssl=1 768w, https:\/\/i0.wp.com\/itayachtscanada.com\/wp-content\/uploads\/2025\/02\/Capture-decran-le-2025-02-02-a-09.31.25.jpg?resize=1536%2C675&amp;ssl=1 1536w, https:\/\/i0.wp.com\/itayachtscanada.com\/wp-content\/uploads\/2025\/02\/Capture-decran-le-2025-02-02-a-09.31.25.jpg?resize=2048%2C900&amp;ssl=1 2048w, https:\/\/i0.wp.com\/itayachtscanada.com\/wp-content\/uploads\/2025\/02\/Capture-decran-le-2025-02-02-a-09.31.25.jpg?resize=700%2C308&amp;ssl=1 700w, https:\/\/i0.wp.com\/itayachtscanada.com\/wp-content\/uploads\/2025\/02\/Capture-decran-le-2025-02-02-a-09.31.25.jpg?resize=2000%2C879&amp;ssl=1 2000w, https:\/\/i0.wp.com\/itayachtscanada.com\/wp-content\/uploads\/2025\/02\/Capture-decran-le-2025-02-02-a-09.31.25.jpg?resize=910%2C400&amp;ssl=1 910w, https:\/\/i0.wp.com\/itayachtscanada.com\/wp-content\/uploads\/2025\/02\/Capture-decran-le-2025-02-02-a-09.31.25.jpg?w=1400&amp;ssl=1 1400w, https:\/\/i0.wp.com\/itayachtscanada.com\/wp-content\/uploads\/2025\/02\/Capture-decran-le-2025-02-02-a-09.31.25.jpg?w=2100&amp;ssl=1 2100w\" width=\"696\" height=\"306\" loading=\"lazy\" data-original-width=\"696\" data-original-height=\"306\" itemprop=\"http:\/\/schema.org\/image\" title=\"Capture d\u2019e\u0301cran, le 2025-02-02 a\u0300 09.31.25\" alt=\"Capture d\u2019e\u0301cran, le 2025-02-02 a\u0300 09.31.25\" style=\"width: 696px; height: 306px;\" \/> <\/a> <\/div> <\/div> <!-- close group --> <\/div> <!-- close row --> <div class=\"gallery-row\" style=\"width: 700px; height: 310px;\" data-original-width=\"700\" data-original-height=\"310\" > <div class=\"gallery-group images-1\" style=\"width: 700px; height: 310px;\" data-original-width=\"700\" data-original-height=\"310\" > <div class=\"tiled-gallery-item tiled-gallery-item-large\" itemprop=\"associatedMedia\" itemscope itemtype=\"http:\/\/schema.org\/ImageObject\"> <a href=\"https:\/\/itayachtscanada.com\/fr\/listing\/sunseeker-55-manhattan-2021-1800000-usd-for-sale\/capture-decran-le-2025-02-02-a-09-31-21\/\" border=\"0\" itemprop=\"url\"> <meta itemprop=\"width\" content=\"696\"> <meta itemprop=\"height\" content=\"306\"> <img decoding=\"async\" class=\"\" data-attachment-id=\"202989\" data-orig-file=\"https:\/\/itayachtscanada.com\/wp-content\/uploads\/2025\/02\/Capture-decran-le-2025-02-02-a-09.31.21.jpg\" data-orig-size=\"2548,1120\" data-comments-opened=\"1\" data-image-meta=\"{&quot;aperture&quot;:&quot;0&quot;,&quot;credit&quot;:&quot;&quot;,&quot;camera&quot;:&quot;&quot;,&quot;caption&quot;:&quot;&quot;,&quot;created_timestamp&quot;:&quot;0&quot;,&quot;copyright&quot;:&quot;&quot;,&quot;focal_length&quot;:&quot;0&quot;,&quot;iso&quot;:&quot;0&quot;,&quot;shutter_speed&quot;:&quot;0&quot;,&quot;title&quot;:&quot;&quot;,&quot;orientation&quot;:&quot;0&quot;}\" data-image-title=\"Capture d\u2019e\u0301cran, le 2025-02-02 a\u0300 09.31.21\" data-image-description=\"\" data-medium-file=\"https:\/\/i0.wp.com\/itayachtscanada.com\/wp-content\/uploads\/2025\/02\/Capture-decran-le-2025-02-02-a-09.31.21.jpg?fit=300%2C132&#038;ssl=1\" data-large-file=\"https:\/\/i0.wp.com\/itayachtscanada.com\/wp-content\/uploads\/2025\/02\/Capture-decran-le-2025-02-02-a-09.31.21.jpg?fit=700%2C308&#038;ssl=1\" src=\"https:\/\/i0.wp.com\/itayachtscanada.com\/wp-content\/uploads\/2025\/02\/Capture-decran-le-2025-02-02-a-09.31.21.jpg?w=696&#038;h=306&#038;ssl=1\" srcset=\"https:\/\/i0.wp.com\/itayachtscanada.com\/wp-content\/uploads\/2025\/02\/Capture-decran-le-2025-02-02-a-09.31.21.jpg?w=2548&amp;ssl=1 2548w, https:\/\/i0.wp.com\/itayachtscanada.com\/wp-content\/uploads\/2025\/02\/Capture-decran-le-2025-02-02-a-09.31.21.jpg?resize=300%2C132&amp;ssl=1 300w, https:\/\/i0.wp.com\/itayachtscanada.com\/wp-content\/uploads\/2025\/02\/Capture-decran-le-2025-02-02-a-09.31.21.jpg?resize=1024%2C450&amp;ssl=1 1024w, https:\/\/i0.wp.com\/itayachtscanada.com\/wp-content\/uploads\/2025\/02\/Capture-decran-le-2025-02-02-a-09.31.21.jpg?resize=768%2C338&amp;ssl=1 768w, https:\/\/i0.wp.com\/itayachtscanada.com\/wp-content\/uploads\/2025\/02\/Capture-decran-le-2025-02-02-a-09.31.21.jpg?resize=1536%2C675&amp;ssl=1 1536w, https:\/\/i0.wp.com\/itayachtscanada.com\/wp-content\/uploads\/2025\/02\/Capture-decran-le-2025-02-02-a-09.31.21.jpg?resize=2048%2C900&amp;ssl=1 2048w, https:\/\/i0.wp.com\/itayachtscanada.com\/wp-content\/uploads\/2025\/02\/Capture-decran-le-2025-02-02-a-09.31.21.jpg?resize=700%2C308&amp;ssl=1 700w, https:\/\/i0.wp.com\/itayachtscanada.com\/wp-content\/uploads\/2025\/02\/Capture-decran-le-2025-02-02-a-09.31.21.jpg?resize=2000%2C879&amp;ssl=1 2000w, https:\/\/i0.wp.com\/itayachtscanada.com\/wp-content\/uploads\/2025\/02\/Capture-decran-le-2025-02-02-a-09.31.21.jpg?resize=910%2C400&amp;ssl=1 910w, https:\/\/i0.wp.com\/itayachtscanada.com\/wp-content\/uploads\/2025\/02\/Capture-decran-le-2025-02-02-a-09.31.21.jpg?w=1400&amp;ssl=1 1400w, https:\/\/i0.wp.com\/itayachtscanada.com\/wp-content\/uploads\/2025\/02\/Capture-decran-le-2025-02-02-a-09.31.21.jpg?w=2100&amp;ssl=1 2100w\" width=\"696\" height=\"306\" loading=\"lazy\" data-original-width=\"696\" data-original-height=\"306\" itemprop=\"http:\/\/schema.org\/image\" title=\"Capture d\u2019e\u0301cran, le 2025-02-02 a\u0300 09.31.21\" alt=\"Capture d\u2019e\u0301cran, le 2025-02-02 a\u0300 09.31.21\" style=\"width: 696px; height: 306px;\" \/> <\/a> <\/div> <\/div> <!-- close group --> <\/div> <!-- close row --> <div class=\"gallery-row\" style=\"width: 700px; height: 310px;\" data-original-width=\"700\" data-original-height=\"310\" > <div class=\"gallery-group images-1\" style=\"width: 700px; height: 310px;\" data-original-width=\"700\" data-original-height=\"310\" > <div class=\"tiled-gallery-item tiled-gallery-item-large\" itemprop=\"associatedMedia\" itemscope itemtype=\"http:\/\/schema.org\/ImageObject\"> <a href=\"https:\/\/itayachtscanada.com\/fr\/listing\/sunseeker-55-manhattan-2021-1800000-usd-for-sale\/capture-decran-le-2025-02-02-a-09-31-18\/\" border=\"0\" itemprop=\"url\"> <meta itemprop=\"width\" content=\"696\"> <meta itemprop=\"height\" content=\"306\"> <img decoding=\"async\" class=\"\" data-attachment-id=\"202990\" data-orig-file=\"https:\/\/itayachtscanada.com\/wp-content\/uploads\/2025\/02\/Capture-decran-le-2025-02-02-a-09.31.18.jpg\" data-orig-size=\"2548,1120\" data-comments-opened=\"1\" data-image-meta=\"{&quot;aperture&quot;:&quot;0&quot;,&quot;credit&quot;:&quot;&quot;,&quot;camera&quot;:&quot;&quot;,&quot;caption&quot;:&quot;&quot;,&quot;created_timestamp&quot;:&quot;0&quot;,&quot;copyright&quot;:&quot;&quot;,&quot;focal_length&quot;:&quot;0&quot;,&quot;iso&quot;:&quot;0&quot;,&quot;shutter_speed&quot;:&quot;0&quot;,&quot;title&quot;:&quot;&quot;,&quot;orientation&quot;:&quot;0&quot;}\" data-image-title=\"Capture d\u2019e\u0301cran, le 2025-02-02 a\u0300 09.31.18\" data-image-description=\"\" data-medium-file=\"https:\/\/i0.wp.com\/itayachtscanada.com\/wp-content\/uploads\/2025\/02\/Capture-decran-le-2025-02-02-a-09.31.18.jpg?fit=300%2C132&#038;ssl=1\" data-large-file=\"https:\/\/i0.wp.com\/itayachtscanada.com\/wp-content\/uploads\/2025\/02\/Capture-decran-le-2025-02-02-a-09.31.18.jpg?fit=700%2C308&#038;ssl=1\" src=\"https:\/\/i0.wp.com\/itayachtscanada.com\/wp-content\/uploads\/2025\/02\/Capture-decran-le-2025-02-02-a-09.31.18.jpg?w=696&#038;h=306&#038;ssl=1\" srcset=\"https:\/\/i0.wp.com\/itayachtscanada.com\/wp-content\/uploads\/2025\/02\/Capture-decran-le-2025-02-02-a-09.31.18.jpg?w=2548&amp;ssl=1 2548w, https:\/\/i0.wp.com\/itayachtscanada.com\/wp-content\/uploads\/2025\/02\/Capture-decran-le-2025-02-02-a-09.31.18.jpg?resize=300%2C132&amp;ssl=1 300w, https:\/\/i0.wp.com\/itayachtscanada.com\/wp-content\/uploads\/2025\/02\/Capture-decran-le-2025-02-02-a-09.31.18.jpg?resize=1024%2C450&amp;ssl=1 1024w, https:\/\/i0.wp.com\/itayachtscanada.com\/wp-content\/uploads\/2025\/02\/Capture-decran-le-2025-02-02-a-09.31.18.jpg?resize=768%2C338&amp;ssl=1 768w, https:\/\/i0.wp.com\/itayachtscanada.com\/wp-content\/uploads\/2025\/02\/Capture-decran-le-2025-02-02-a-09.31.18.jpg?resize=1536%2C675&amp;ssl=1 1536w, https:\/\/i0.wp.com\/itayachtscanada.com\/wp-content\/uploads\/2025\/02\/Capture-decran-le-2025-02-02-a-09.31.18.jpg?resize=2048%2C900&amp;ssl=1 2048w, https:\/\/i0.wp.com\/itayachtscanada.com\/wp-content\/uploads\/2025\/02\/Capture-decran-le-2025-02-02-a-09.31.18.jpg?resize=700%2C308&amp;ssl=1 700w, https:\/\/i0.wp.com\/itayachtscanada.com\/wp-content\/uploads\/2025\/02\/Capture-decran-le-2025-02-02-a-09.31.18.jpg?resize=2000%2C879&amp;ssl=1 2000w, https:\/\/i0.wp.com\/itayachtscanada.com\/wp-content\/uploads\/2025\/02\/Capture-decran-le-2025-02-02-a-09.31.18.jpg?resize=910%2C400&amp;ssl=1 910w, https:\/\/i0.wp.com\/itayachtscanada.com\/wp-content\/uploads\/2025\/02\/Capture-decran-le-2025-02-02-a-09.31.18.jpg?w=1400&amp;ssl=1 1400w, https:\/\/i0.wp.com\/itayachtscanada.com\/wp-content\/uploads\/2025\/02\/Capture-decran-le-2025-02-02-a-09.31.18.jpg?w=2100&amp;ssl=1 2100w\" width=\"696\" height=\"306\" loading=\"lazy\" data-original-width=\"696\" data-original-height=\"306\" itemprop=\"http:\/\/schema.org\/image\" title=\"Capture d\u2019e\u0301cran, le 2025-02-02 a\u0300 09.31.18\" alt=\"Capture d\u2019e\u0301cran, le 2025-02-02 a\u0300 09.31.18\" style=\"width: 696px; height: 306px;\" \/> <\/a> <\/div> <\/div> <!-- close group --> <\/div> <!-- close row --> <div class=\"gallery-row\" style=\"width: 700px; height: 310px;\" data-original-width=\"700\" data-original-height=\"310\" > <div class=\"gallery-group images-1\" style=\"width: 700px; height: 310px;\" data-original-width=\"700\" data-original-height=\"310\" > <div class=\"tiled-gallery-item tiled-gallery-item-large\" itemprop=\"associatedMedia\" itemscope itemtype=\"http:\/\/schema.org\/ImageObject\"> <a href=\"https:\/\/itayachtscanada.com\/fr\/listing\/sunseeker-55-manhattan-2021-1800000-usd-for-sale\/capture-decran-le-2025-02-02-a-09-30-20\/\" border=\"0\" itemprop=\"url\"> <meta itemprop=\"width\" content=\"696\"> <meta itemprop=\"height\" content=\"306\"> <img decoding=\"async\" class=\"\" data-attachment-id=\"202993\" data-orig-file=\"https:\/\/itayachtscanada.com\/wp-content\/uploads\/2025\/02\/Capture-decran-le-2025-02-02-a-09.30.20.jpg\" data-orig-size=\"2548,1120\" data-comments-opened=\"1\" data-image-meta=\"{&quot;aperture&quot;:&quot;0&quot;,&quot;credit&quot;:&quot;&quot;,&quot;camera&quot;:&quot;&quot;,&quot;caption&quot;:&quot;&quot;,&quot;created_timestamp&quot;:&quot;0&quot;,&quot;copyright&quot;:&quot;&quot;,&quot;focal_length&quot;:&quot;0&quot;,&quot;iso&quot;:&quot;0&quot;,&quot;shutter_speed&quot;:&quot;0&quot;,&quot;title&quot;:&quot;&quot;,&quot;orientation&quot;:&quot;0&quot;}\" data-image-title=\"Capture d\u2019e\u0301cran, le 2025-02-02 a\u0300 09.30.20\" data-image-description=\"\" data-medium-file=\"https:\/\/i0.wp.com\/itayachtscanada.com\/wp-content\/uploads\/2025\/02\/Capture-decran-le-2025-02-02-a-09.30.20.jpg?fit=300%2C132&#038;ssl=1\" data-large-file=\"https:\/\/i0.wp.com\/itayachtscanada.com\/wp-content\/uploads\/2025\/02\/Capture-decran-le-2025-02-02-a-09.30.20.jpg?fit=700%2C308&#038;ssl=1\" src=\"https:\/\/i0.wp.com\/itayachtscanada.com\/wp-content\/uploads\/2025\/02\/Capture-decran-le-2025-02-02-a-09.30.20.jpg?w=696&#038;h=306&#038;ssl=1\" srcset=\"https:\/\/i0.wp.com\/itayachtscanada.com\/wp-content\/uploads\/2025\/02\/Capture-decran-le-2025-02-02-a-09.30.20.jpg?w=2548&amp;ssl=1 2548w, https:\/\/i0.wp.com\/itayachtscanada.com\/wp-content\/uploads\/2025\/02\/Capture-decran-le-2025-02-02-a-09.30.20.jpg?resize=300%2C132&amp;ssl=1 300w, https:\/\/i0.wp.com\/itayachtscanada.com\/wp-content\/uploads\/2025\/02\/Capture-decran-le-2025-02-02-a-09.30.20.jpg?resize=1024%2C450&amp;ssl=1 1024w, https:\/\/i0.wp.com\/itayachtscanada.com\/wp-content\/uploads\/2025\/02\/Capture-decran-le-2025-02-02-a-09.30.20.jpg?resize=768%2C338&amp;ssl=1 768w, https:\/\/i0.wp.com\/itayachtscanada.com\/wp-content\/uploads\/2025\/02\/Capture-decran-le-2025-02-02-a-09.30.20.jpg?resize=1536%2C675&amp;ssl=1 1536w, https:\/\/i0.wp.com\/itayachtscanada.com\/wp-content\/uploads\/2025\/02\/Capture-decran-le-2025-02-02-a-09.30.20.jpg?resize=2048%2C900&amp;ssl=1 2048w, https:\/\/i0.wp.com\/itayachtscanada.com\/wp-content\/uploads\/2025\/02\/Capture-decran-le-2025-02-02-a-09.30.20.jpg?resize=700%2C308&amp;ssl=1 700w, https:\/\/i0.wp.com\/itayachtscanada.com\/wp-content\/uploads\/2025\/02\/Capture-decran-le-2025-02-02-a-09.30.20.jpg?resize=2000%2C879&amp;ssl=1 2000w, https:\/\/i0.wp.com\/itayachtscanada.com\/wp-content\/uploads\/2025\/02\/Capture-decran-le-2025-02-02-a-09.30.20.jpg?resize=910%2C400&amp;ssl=1 910w, https:\/\/i0.wp.com\/itayachtscanada.com\/wp-content\/uploads\/2025\/02\/Capture-decran-le-2025-02-02-a-09.30.20.jpg?w=1400&amp;ssl=1 1400w, https:\/\/i0.wp.com\/itayachtscanada.com\/wp-content\/uploads\/2025\/02\/Capture-decran-le-2025-02-02-a-09.30.20.jpg?w=2100&amp;ssl=1 2100w\" width=\"696\" height=\"306\" loading=\"lazy\" data-original-width=\"696\" data-original-height=\"306\" itemprop=\"http:\/\/schema.org\/image\" title=\"Capture d\u2019e\u0301cran, le 2025-02-02 a\u0300 09.30.20\" alt=\"Capture d\u2019e\u0301cran, le 2025-02-02 a\u0300 09.30.20\" style=\"width: 696px; height: 306px;\" \/> <\/a> <\/div> <\/div> <!-- close group --> <\/div> <!-- close row --> <div class=\"gallery-row\" style=\"width: 700px; height: 310px;\" data-original-width=\"700\" data-original-height=\"310\" > <div class=\"gallery-group images-1\" style=\"width: 700px; height: 310px;\" data-original-width=\"700\" data-original-height=\"310\" > <div class=\"tiled-gallery-item tiled-gallery-item-large\" itemprop=\"associatedMedia\" itemscope itemtype=\"http:\/\/schema.org\/ImageObject\"> <a href=\"https:\/\/itayachtscanada.com\/fr\/listing\/sunseeker-55-manhattan-2021-1800000-usd-for-sale\/capture-decran-le-2025-02-02-a-09-22-35\/\" border=\"0\" itemprop=\"url\"> <meta itemprop=\"width\" content=\"696\"> <meta itemprop=\"height\" content=\"306\"> <img decoding=\"async\" class=\"\" data-attachment-id=\"203016\" data-orig-file=\"https:\/\/itayachtscanada.com\/wp-content\/uploads\/2025\/02\/Capture-decran-le-2025-02-02-a-09.22.35.jpg\" data-orig-size=\"2548,1120\" data-comments-opened=\"1\" data-image-meta=\"{&quot;aperture&quot;:&quot;0&quot;,&quot;credit&quot;:&quot;&quot;,&quot;camera&quot;:&quot;&quot;,&quot;caption&quot;:&quot;&quot;,&quot;created_timestamp&quot;:&quot;0&quot;,&quot;copyright&quot;:&quot;&quot;,&quot;focal_length&quot;:&quot;0&quot;,&quot;iso&quot;:&quot;0&quot;,&quot;shutter_speed&quot;:&quot;0&quot;,&quot;title&quot;:&quot;&quot;,&quot;orientation&quot;:&quot;0&quot;}\" data-image-title=\"Capture d\u2019e\u0301cran, le 2025-02-02 a\u0300 09.22.35\" data-image-description=\"\" data-medium-file=\"https:\/\/i0.wp.com\/itayachtscanada.com\/wp-content\/uploads\/2025\/02\/Capture-decran-le-2025-02-02-a-09.22.35.jpg?fit=300%2C132&#038;ssl=1\" data-large-file=\"https:\/\/i0.wp.com\/itayachtscanada.com\/wp-content\/uploads\/2025\/02\/Capture-decran-le-2025-02-02-a-09.22.35.jpg?fit=700%2C308&#038;ssl=1\" src=\"https:\/\/i0.wp.com\/itayachtscanada.com\/wp-content\/uploads\/2025\/02\/Capture-decran-le-2025-02-02-a-09.22.35.jpg?w=696&#038;h=306&#038;ssl=1\" srcset=\"https:\/\/i0.wp.com\/itayachtscanada.com\/wp-content\/uploads\/2025\/02\/Capture-decran-le-2025-02-02-a-09.22.35.jpg?w=2548&amp;ssl=1 2548w, https:\/\/i0.wp.com\/itayachtscanada.com\/wp-content\/uploads\/2025\/02\/Capture-decran-le-2025-02-02-a-09.22.35.jpg?resize=300%2C132&amp;ssl=1 300w, https:\/\/i0.wp.com\/itayachtscanada.com\/wp-content\/uploads\/2025\/02\/Capture-decran-le-2025-02-02-a-09.22.35.jpg?resize=1024%2C450&amp;ssl=1 1024w, https:\/\/i0.wp.com\/itayachtscanada.com\/wp-content\/uploads\/2025\/02\/Capture-decran-le-2025-02-02-a-09.22.35.jpg?resize=768%2C338&amp;ssl=1 768w, https:\/\/i0.wp.com\/itayachtscanada.com\/wp-content\/uploads\/2025\/02\/Capture-decran-le-2025-02-02-a-09.22.35.jpg?resize=1536%2C675&amp;ssl=1 1536w, https:\/\/i0.wp.com\/itayachtscanada.com\/wp-content\/uploads\/2025\/02\/Capture-decran-le-2025-02-02-a-09.22.35.jpg?resize=2048%2C900&amp;ssl=1 2048w, https:\/\/i0.wp.com\/itayachtscanada.com\/wp-content\/uploads\/2025\/02\/Capture-decran-le-2025-02-02-a-09.22.35.jpg?resize=700%2C308&amp;ssl=1 700w, https:\/\/i0.wp.com\/itayachtscanada.com\/wp-content\/uploads\/2025\/02\/Capture-decran-le-2025-02-02-a-09.22.35.jpg?resize=2000%2C879&amp;ssl=1 2000w, https:\/\/i0.wp.com\/itayachtscanada.com\/wp-content\/uploads\/2025\/02\/Capture-decran-le-2025-02-02-a-09.22.35.jpg?resize=910%2C400&amp;ssl=1 910w, https:\/\/i0.wp.com\/itayachtscanada.com\/wp-content\/uploads\/2025\/02\/Capture-decran-le-2025-02-02-a-09.22.35.jpg?w=1400&amp;ssl=1 1400w, https:\/\/i0.wp.com\/itayachtscanada.com\/wp-content\/uploads\/2025\/02\/Capture-decran-le-2025-02-02-a-09.22.35.jpg?w=2100&amp;ssl=1 2100w\" width=\"696\" height=\"306\" loading=\"lazy\" data-original-width=\"696\" data-original-height=\"306\" itemprop=\"http:\/\/schema.org\/image\" title=\"Capture d\u2019e\u0301cran, le 2025-02-02 a\u0300 09.22.35\" alt=\"Capture d\u2019e\u0301cran, le 2025-02-02 a\u0300 09.22.35\" style=\"width: 696px; height: 306px;\" \/> <\/a> <\/div> <\/div> <!-- close group --> <\/div> <!-- close row --> <div class=\"gallery-row\" style=\"width: 700px; height: 310px;\" data-original-width=\"700\" data-original-height=\"310\" > <div class=\"gallery-group images-1\" style=\"width: 700px; height: 310px;\" data-original-width=\"700\" data-original-height=\"310\" > <div class=\"tiled-gallery-item tiled-gallery-item-large\" itemprop=\"associatedMedia\" itemscope itemtype=\"http:\/\/schema.org\/ImageObject\"> <a href=\"https:\/\/itayachtscanada.com\/fr\/listing\/sunseeker-55-manhattan-2021-1800000-usd-for-sale\/capture-decran-le-2025-02-02-a-09-22-03\/\" border=\"0\" itemprop=\"url\"> <meta itemprop=\"width\" content=\"696\"> <meta itemprop=\"height\" content=\"306\"> <img decoding=\"async\" class=\"\" data-attachment-id=\"203017\" data-orig-file=\"https:\/\/itayachtscanada.com\/wp-content\/uploads\/2025\/02\/Capture-decran-le-2025-02-02-a-09.22.03.jpg\" data-orig-size=\"2548,1120\" data-comments-opened=\"1\" data-image-meta=\"{&quot;aperture&quot;:&quot;0&quot;,&quot;credit&quot;:&quot;&quot;,&quot;camera&quot;:&quot;&quot;,&quot;caption&quot;:&quot;&quot;,&quot;created_timestamp&quot;:&quot;0&quot;,&quot;copyright&quot;:&quot;&quot;,&quot;focal_length&quot;:&quot;0&quot;,&quot;iso&quot;:&quot;0&quot;,&quot;shutter_speed&quot;:&quot;0&quot;,&quot;title&quot;:&quot;&quot;,&quot;orientation&quot;:&quot;0&quot;}\" data-image-title=\"Capture d\u2019e\u0301cran, le 2025-02-02 a\u0300 09.22.03\" data-image-description=\"\" data-medium-file=\"https:\/\/i0.wp.com\/itayachtscanada.com\/wp-content\/uploads\/2025\/02\/Capture-decran-le-2025-02-02-a-09.22.03.jpg?fit=300%2C132&#038;ssl=1\" data-large-file=\"https:\/\/i0.wp.com\/itayachtscanada.com\/wp-content\/uploads\/2025\/02\/Capture-decran-le-2025-02-02-a-09.22.03.jpg?fit=700%2C308&#038;ssl=1\" src=\"https:\/\/i0.wp.com\/itayachtscanada.com\/wp-content\/uploads\/2025\/02\/Capture-decran-le-2025-02-02-a-09.22.03.jpg?w=696&#038;h=306&#038;ssl=1\" srcset=\"https:\/\/i0.wp.com\/itayachtscanada.com\/wp-content\/uploads\/2025\/02\/Capture-decran-le-2025-02-02-a-09.22.03.jpg?w=2548&amp;ssl=1 2548w, https:\/\/i0.wp.com\/itayachtscanada.com\/wp-content\/uploads\/2025\/02\/Capture-decran-le-2025-02-02-a-09.22.03.jpg?resize=300%2C132&amp;ssl=1 300w, https:\/\/i0.wp.com\/itayachtscanada.com\/wp-content\/uploads\/2025\/02\/Capture-decran-le-2025-02-02-a-09.22.03.jpg?resize=1024%2C450&amp;ssl=1 1024w, https:\/\/i0.wp.com\/itayachtscanada.com\/wp-content\/uploads\/2025\/02\/Capture-decran-le-2025-02-02-a-09.22.03.jpg?resize=768%2C338&amp;ssl=1 768w, https:\/\/i0.wp.com\/itayachtscanada.com\/wp-content\/uploads\/2025\/02\/Capture-decran-le-2025-02-02-a-09.22.03.jpg?resize=1536%2C675&amp;ssl=1 1536w, https:\/\/i0.wp.com\/itayachtscanada.com\/wp-content\/uploads\/2025\/02\/Capture-decran-le-2025-02-02-a-09.22.03.jpg?resize=2048%2C900&amp;ssl=1 2048w, https:\/\/i0.wp.com\/itayachtscanada.com\/wp-content\/uploads\/2025\/02\/Capture-decran-le-2025-02-02-a-09.22.03.jpg?resize=700%2C308&amp;ssl=1 700w, https:\/\/i0.wp.com\/itayachtscanada.com\/wp-content\/uploads\/2025\/02\/Capture-decran-le-2025-02-02-a-09.22.03.jpg?resize=2000%2C879&amp;ssl=1 2000w, https:\/\/i0.wp.com\/itayachtscanada.com\/wp-content\/uploads\/2025\/02\/Capture-decran-le-2025-02-02-a-09.22.03.jpg?resize=910%2C400&amp;ssl=1 910w, https:\/\/i0.wp.com\/itayachtscanada.com\/wp-content\/uploads\/2025\/02\/Capture-decran-le-2025-02-02-a-09.22.03.jpg?w=1400&amp;ssl=1 1400w, https:\/\/i0.wp.com\/itayachtscanada.com\/wp-content\/uploads\/2025\/02\/Capture-decran-le-2025-02-02-a-09.22.03.jpg?w=2100&amp;ssl=1 2100w\" width=\"696\" height=\"306\" loading=\"lazy\" data-original-width=\"696\" data-original-height=\"306\" itemprop=\"http:\/\/schema.org\/image\" title=\"Capture d\u2019e\u0301cran, le 2025-02-02 a\u0300 09.22.03\" alt=\"Capture d\u2019e\u0301cran, le 2025-02-02 a\u0300 09.22.03\" style=\"width: 696px; height: 306px;\" \/> <\/a> <\/div> <\/div> <!-- close group --> <\/div> <!-- close row --> <div class=\"gallery-row\" style=\"width: 700px; height: 312px;\" data-original-width=\"700\" data-original-height=\"312\" > <div class=\"gallery-group images-1\" style=\"width: 467px; height: 312px;\" data-original-width=\"467\" data-original-height=\"312\" > <div class=\"tiled-gallery-item tiled-gallery-item-large\" itemprop=\"associatedMedia\" itemscope itemtype=\"http:\/\/schema.org\/ImageObject\"> <a href=\"https:\/\/itayachtscanada.com\/fr\/listing\/sunseeker-55-manhattan-2021-1800000-usd-for-sale\/capture-decran-le-2025-02-02-a-09-18-28\/\" border=\"0\" itemprop=\"url\"> <meta itemprop=\"width\" content=\"463\"> <meta itemprop=\"height\" content=\"308\"> <img decoding=\"async\" class=\"\" data-attachment-id=\"203026\" data-orig-file=\"https:\/\/itayachtscanada.com\/wp-content\/uploads\/2025\/02\/Capture-decran-le-2025-02-02-a-09.18.28.jpg\" data-orig-size=\"1572,1046\" data-comments-opened=\"1\" data-image-meta=\"{&quot;aperture&quot;:&quot;0&quot;,&quot;credit&quot;:&quot;&quot;,&quot;camera&quot;:&quot;&quot;,&quot;caption&quot;:&quot;&quot;,&quot;created_timestamp&quot;:&quot;0&quot;,&quot;copyright&quot;:&quot;&quot;,&quot;focal_length&quot;:&quot;0&quot;,&quot;iso&quot;:&quot;0&quot;,&quot;shutter_speed&quot;:&quot;0&quot;,&quot;title&quot;:&quot;&quot;,&quot;orientation&quot;:&quot;0&quot;}\" data-image-title=\"Capture d\u2019e\u0301cran, le 2025-02-02 a\u0300 09.18.28\" data-image-description=\"\" data-medium-file=\"https:\/\/i0.wp.com\/itayachtscanada.com\/wp-content\/uploads\/2025\/02\/Capture-decran-le-2025-02-02-a-09.18.28.jpg?fit=300%2C200&#038;ssl=1\" data-large-file=\"https:\/\/i0.wp.com\/itayachtscanada.com\/wp-content\/uploads\/2025\/02\/Capture-decran-le-2025-02-02-a-09.18.28.jpg?fit=700%2C466&#038;ssl=1\" src=\"https:\/\/i0.wp.com\/itayachtscanada.com\/wp-content\/uploads\/2025\/02\/Capture-decran-le-2025-02-02-a-09.18.28.jpg?w=463&#038;h=308&#038;ssl=1\" srcset=\"https:\/\/i0.wp.com\/itayachtscanada.com\/wp-content\/uploads\/2025\/02\/Capture-decran-le-2025-02-02-a-09.18.28.jpg?w=1572&amp;ssl=1 1572w, https:\/\/i0.wp.com\/itayachtscanada.com\/wp-content\/uploads\/2025\/02\/Capture-decran-le-2025-02-02-a-09.18.28.jpg?resize=300%2C200&amp;ssl=1 300w, https:\/\/i0.wp.com\/itayachtscanada.com\/wp-content\/uploads\/2025\/02\/Capture-decran-le-2025-02-02-a-09.18.28.jpg?resize=1024%2C681&amp;ssl=1 1024w, https:\/\/i0.wp.com\/itayachtscanada.com\/wp-content\/uploads\/2025\/02\/Capture-decran-le-2025-02-02-a-09.18.28.jpg?resize=768%2C511&amp;ssl=1 768w, https:\/\/i0.wp.com\/itayachtscanada.com\/wp-content\/uploads\/2025\/02\/Capture-decran-le-2025-02-02-a-09.18.28.jpg?resize=1536%2C1022&amp;ssl=1 1536w, https:\/\/i0.wp.com\/itayachtscanada.com\/wp-content\/uploads\/2025\/02\/Capture-decran-le-2025-02-02-a-09.18.28.jpg?resize=700%2C466&amp;ssl=1 700w, https:\/\/i0.wp.com\/itayachtscanada.com\/wp-content\/uploads\/2025\/02\/Capture-decran-le-2025-02-02-a-09.18.28.jpg?resize=900%2C600&amp;ssl=1 900w, https:\/\/i0.wp.com\/itayachtscanada.com\/wp-content\/uploads\/2025\/02\/Capture-decran-le-2025-02-02-a-09.18.28.jpg?resize=601%2C400&amp;ssl=1 601w, https:\/\/i0.wp.com\/itayachtscanada.com\/wp-content\/uploads\/2025\/02\/Capture-decran-le-2025-02-02-a-09.18.28.jpg?w=1400&amp;ssl=1 1400w\" width=\"463\" height=\"308\" loading=\"lazy\" data-original-width=\"463\" data-original-height=\"308\" itemprop=\"http:\/\/schema.org\/image\" title=\"Capture d\u2019e\u0301cran, le 2025-02-02 a\u0300 09.18.28\" alt=\"Capture d\u2019e\u0301cran, le 2025-02-02 a\u0300 09.18.28\" style=\"width: 463px; height: 308px;\" \/> <\/a> <\/div> <\/div> <!-- close group --> <div class=\"gallery-group images-2\" style=\"width: 233px; height: 312px;\" data-original-width=\"233\" data-original-height=\"312\" > <div class=\"tiled-gallery-item tiled-gallery-item-small\" itemprop=\"associatedMedia\" itemscope itemtype=\"http:\/\/schema.org\/ImageObject\"> <a href=\"https:\/\/itayachtscanada.com\/fr\/listing\/sunseeker-55-manhattan-2021-1800000-usd-for-sale\/capture-decran-le-2025-02-02-a-09-18-49\/\" border=\"0\" itemprop=\"url\"> <meta itemprop=\"width\" content=\"229\"> <meta itemprop=\"height\" content=\"152\"> <img decoding=\"async\" class=\"\" data-attachment-id=\"203023\" data-orig-file=\"https:\/\/itayachtscanada.com\/wp-content\/uploads\/2025\/02\/Capture-decran-le-2025-02-02-a-09.18.49.jpg\" data-orig-size=\"1572,1046\" data-comments-opened=\"1\" data-image-meta=\"{&quot;aperture&quot;:&quot;0&quot;,&quot;credit&quot;:&quot;&quot;,&quot;camera&quot;:&quot;&quot;,&quot;caption&quot;:&quot;&quot;,&quot;created_timestamp&quot;:&quot;0&quot;,&quot;copyright&quot;:&quot;&quot;,&quot;focal_length&quot;:&quot;0&quot;,&quot;iso&quot;:&quot;0&quot;,&quot;shutter_speed&quot;:&quot;0&quot;,&quot;title&quot;:&quot;&quot;,&quot;orientation&quot;:&quot;0&quot;}\" data-image-title=\"Capture d\u2019e\u0301cran, le 2025-02-02 a\u0300 09.18.49\" data-image-description=\"\" data-medium-file=\"https:\/\/i0.wp.com\/itayachtscanada.com\/wp-content\/uploads\/2025\/02\/Capture-decran-le-2025-02-02-a-09.18.49.jpg?fit=300%2C200&#038;ssl=1\" data-large-file=\"https:\/\/i0.wp.com\/itayachtscanada.com\/wp-content\/uploads\/2025\/02\/Capture-decran-le-2025-02-02-a-09.18.49.jpg?fit=700%2C466&#038;ssl=1\" src=\"https:\/\/i0.wp.com\/itayachtscanada.com\/wp-content\/uploads\/2025\/02\/Capture-decran-le-2025-02-02-a-09.18.49.jpg?w=229&#038;h=152&#038;ssl=1\" srcset=\"https:\/\/i0.wp.com\/itayachtscanada.com\/wp-content\/uploads\/2025\/02\/Capture-decran-le-2025-02-02-a-09.18.49.jpg?w=1572&amp;ssl=1 1572w, https:\/\/i0.wp.com\/itayachtscanada.com\/wp-content\/uploads\/2025\/02\/Capture-decran-le-2025-02-02-a-09.18.49.jpg?resize=300%2C200&amp;ssl=1 300w, https:\/\/i0.wp.com\/itayachtscanada.com\/wp-content\/uploads\/2025\/02\/Capture-decran-le-2025-02-02-a-09.18.49.jpg?resize=1024%2C681&amp;ssl=1 1024w, https:\/\/i0.wp.com\/itayachtscanada.com\/wp-content\/uploads\/2025\/02\/Capture-decran-le-2025-02-02-a-09.18.49.jpg?resize=768%2C511&amp;ssl=1 768w, https:\/\/i0.wp.com\/itayachtscanada.com\/wp-content\/uploads\/2025\/02\/Capture-decran-le-2025-02-02-a-09.18.49.jpg?resize=1536%2C1022&amp;ssl=1 1536w, https:\/\/i0.wp.com\/itayachtscanada.com\/wp-content\/uploads\/2025\/02\/Capture-decran-le-2025-02-02-a-09.18.49.jpg?resize=700%2C466&amp;ssl=1 700w, https:\/\/i0.wp.com\/itayachtscanada.com\/wp-content\/uploads\/2025\/02\/Capture-decran-le-2025-02-02-a-09.18.49.jpg?resize=900%2C600&amp;ssl=1 900w, https:\/\/i0.wp.com\/itayachtscanada.com\/wp-content\/uploads\/2025\/02\/Capture-decran-le-2025-02-02-a-09.18.49.jpg?resize=601%2C400&amp;ssl=1 601w, https:\/\/i0.wp.com\/itayachtscanada.com\/wp-content\/uploads\/2025\/02\/Capture-decran-le-2025-02-02-a-09.18.49.jpg?w=1400&amp;ssl=1 1400w\" width=\"229\" height=\"152\" loading=\"lazy\" data-original-width=\"229\" data-original-height=\"152\" itemprop=\"http:\/\/schema.org\/image\" title=\"Capture d\u2019e\u0301cran, le 2025-02-02 a\u0300 09.18.49\" alt=\"Capture d\u2019e\u0301cran, le 2025-02-02 a\u0300 09.18.49\" style=\"width: 229px; height: 152px;\" \/> <\/a> <\/div> <div class=\"tiled-gallery-item tiled-gallery-item-small\" itemprop=\"associatedMedia\" itemscope itemtype=\"http:\/\/schema.org\/ImageObject\"> <a href=\"https:\/\/itayachtscanada.com\/fr\/listing\/sunseeker-55-manhattan-2021-1800000-usd-for-sale\/capture-decran-le-2025-02-02-a-09-18-10\/\" border=\"0\" itemprop=\"url\"> <meta itemprop=\"width\" content=\"229\"> <meta itemprop=\"height\" content=\"152\"> <img decoding=\"async\" class=\"\" data-attachment-id=\"203028\" data-orig-file=\"https:\/\/itayachtscanada.com\/wp-content\/uploads\/2025\/02\/Capture-decran-le-2025-02-02-a-09.18.10.jpg\" data-orig-size=\"1572,1046\" data-comments-opened=\"1\" data-image-meta=\"{&quot;aperture&quot;:&quot;0&quot;,&quot;credit&quot;:&quot;&quot;,&quot;camera&quot;:&quot;&quot;,&quot;caption&quot;:&quot;&quot;,&quot;created_timestamp&quot;:&quot;0&quot;,&quot;copyright&quot;:&quot;&quot;,&quot;focal_length&quot;:&quot;0&quot;,&quot;iso&quot;:&quot;0&quot;,&quot;shutter_speed&quot;:&quot;0&quot;,&quot;title&quot;:&quot;&quot;,&quot;orientation&quot;:&quot;0&quot;}\" data-image-title=\"Capture d\u2019e\u0301cran, le 2025-02-02 a\u0300 09.18.10\" data-image-description=\"\" data-medium-file=\"https:\/\/i0.wp.com\/itayachtscanada.com\/wp-content\/uploads\/2025\/02\/Capture-decran-le-2025-02-02-a-09.18.10.jpg?fit=300%2C200&#038;ssl=1\" data-large-file=\"https:\/\/i0.wp.com\/itayachtscanada.com\/wp-content\/uploads\/2025\/02\/Capture-decran-le-2025-02-02-a-09.18.10.jpg?fit=700%2C466&#038;ssl=1\" src=\"https:\/\/i0.wp.com\/itayachtscanada.com\/wp-content\/uploads\/2025\/02\/Capture-decran-le-2025-02-02-a-09.18.10.jpg?w=229&#038;h=152&#038;ssl=1\" srcset=\"https:\/\/i0.wp.com\/itayachtscanada.com\/wp-content\/uploads\/2025\/02\/Capture-decran-le-2025-02-02-a-09.18.10.jpg?w=1572&amp;ssl=1 1572w, https:\/\/i0.wp.com\/itayachtscanada.com\/wp-content\/uploads\/2025\/02\/Capture-decran-le-2025-02-02-a-09.18.10.jpg?resize=300%2C200&amp;ssl=1 300w, https:\/\/i0.wp.com\/itayachtscanada.com\/wp-content\/uploads\/2025\/02\/Capture-decran-le-2025-02-02-a-09.18.10.jpg?resize=1024%2C681&amp;ssl=1 1024w, https:\/\/i0.wp.com\/itayachtscanada.com\/wp-content\/uploads\/2025\/02\/Capture-decran-le-2025-02-02-a-09.18.10.jpg?resize=768%2C511&amp;ssl=1 768w, https:\/\/i0.wp.com\/itayachtscanada.com\/wp-content\/uploads\/2025\/02\/Capture-decran-le-2025-02-02-a-09.18.10.jpg?resize=1536%2C1022&amp;ssl=1 1536w, https:\/\/i0.wp.com\/itayachtscanada.com\/wp-content\/uploads\/2025\/02\/Capture-decran-le-2025-02-02-a-09.18.10.jpg?resize=700%2C466&amp;ssl=1 700w, https:\/\/i0.wp.com\/itayachtscanada.com\/wp-content\/uploads\/2025\/02\/Capture-decran-le-2025-02-02-a-09.18.10.jpg?resize=900%2C600&amp;ssl=1 900w, https:\/\/i0.wp.com\/itayachtscanada.com\/wp-content\/uploads\/2025\/02\/Capture-decran-le-2025-02-02-a-09.18.10.jpg?resize=601%2C400&amp;ssl=1 601w, https:\/\/i0.wp.com\/itayachtscanada.com\/wp-content\/uploads\/2025\/02\/Capture-decran-le-2025-02-02-a-09.18.10.jpg?w=1400&amp;ssl=1 1400w\" width=\"229\" height=\"152\" loading=\"lazy\" data-original-width=\"229\" data-original-height=\"152\" itemprop=\"http:\/\/schema.org\/image\" title=\"Capture d\u2019e\u0301cran, le 2025-02-02 a\u0300 09.18.10\" alt=\"Capture d\u2019e\u0301cran, le 2025-02-02 a\u0300 09.18.10\" style=\"width: 229px; height: 152px;\" \/> <\/a> <\/div> <\/div> <!-- close group --> <\/div> <!-- close row --> <div class=\"gallery-row\" style=\"width: 700px; height: 187px;\" data-original-width=\"700\" data-original-height=\"187\" > <div class=\"gallery-group images-1\" style=\"width: 279px; height: 187px;\" data-original-width=\"279\" data-original-height=\"187\" > <div class=\"tiled-gallery-item tiled-gallery-item-large\" itemprop=\"associatedMedia\" itemscope itemtype=\"http:\/\/schema.org\/ImageObject\"> <a href=\"https:\/\/itayachtscanada.com\/fr\/listing\/sunseeker-55-manhattan-2021-1800000-usd-for-sale\/capture-decran-le-2025-02-02-a-09-18-35\/\" border=\"0\" itemprop=\"url\"> <meta itemprop=\"width\" content=\"275\"> <meta itemprop=\"height\" content=\"183\"> <img decoding=\"async\" class=\"\" data-attachment-id=\"203025\" data-orig-file=\"https:\/\/itayachtscanada.com\/wp-content\/uploads\/2025\/02\/Capture-decran-le-2025-02-02-a-09.18.35.jpg\" data-orig-size=\"1572,1046\" data-comments-opened=\"1\" data-image-meta=\"{&quot;aperture&quot;:&quot;0&quot;,&quot;credit&quot;:&quot;&quot;,&quot;camera&quot;:&quot;&quot;,&quot;caption&quot;:&quot;&quot;,&quot;created_timestamp&quot;:&quot;0&quot;,&quot;copyright&quot;:&quot;&quot;,&quot;focal_length&quot;:&quot;0&quot;,&quot;iso&quot;:&quot;0&quot;,&quot;shutter_speed&quot;:&quot;0&quot;,&quot;title&quot;:&quot;&quot;,&quot;orientation&quot;:&quot;0&quot;}\" data-image-title=\"Capture d\u2019e\u0301cran, le 2025-02-02 a\u0300 09.18.35\" data-image-description=\"\" data-medium-file=\"https:\/\/i0.wp.com\/itayachtscanada.com\/wp-content\/uploads\/2025\/02\/Capture-decran-le-2025-02-02-a-09.18.35.jpg?fit=300%2C200&#038;ssl=1\" data-large-file=\"https:\/\/i0.wp.com\/itayachtscanada.com\/wp-content\/uploads\/2025\/02\/Capture-decran-le-2025-02-02-a-09.18.35.jpg?fit=700%2C466&#038;ssl=1\" src=\"https:\/\/i0.wp.com\/itayachtscanada.com\/wp-content\/uploads\/2025\/02\/Capture-decran-le-2025-02-02-a-09.18.35.jpg?w=275&#038;h=183&#038;ssl=1\" srcset=\"https:\/\/i0.wp.com\/itayachtscanada.com\/wp-content\/uploads\/2025\/02\/Capture-decran-le-2025-02-02-a-09.18.35.jpg?w=1572&amp;ssl=1 1572w, https:\/\/i0.wp.com\/itayachtscanada.com\/wp-content\/uploads\/2025\/02\/Capture-decran-le-2025-02-02-a-09.18.35.jpg?resize=300%2C200&amp;ssl=1 300w, https:\/\/i0.wp.com\/itayachtscanada.com\/wp-content\/uploads\/2025\/02\/Capture-decran-le-2025-02-02-a-09.18.35.jpg?resize=1024%2C681&amp;ssl=1 1024w, https:\/\/i0.wp.com\/itayachtscanada.com\/wp-content\/uploads\/2025\/02\/Capture-decran-le-2025-02-02-a-09.18.35.jpg?resize=768%2C511&amp;ssl=1 768w, https:\/\/i0.wp.com\/itayachtscanada.com\/wp-content\/uploads\/2025\/02\/Capture-decran-le-2025-02-02-a-09.18.35.jpg?resize=1536%2C1022&amp;ssl=1 1536w, https:\/\/i0.wp.com\/itayachtscanada.com\/wp-content\/uploads\/2025\/02\/Capture-decran-le-2025-02-02-a-09.18.35.jpg?resize=700%2C466&amp;ssl=1 700w, https:\/\/i0.wp.com\/itayachtscanada.com\/wp-content\/uploads\/2025\/02\/Capture-decran-le-2025-02-02-a-09.18.35.jpg?resize=900%2C600&amp;ssl=1 900w, https:\/\/i0.wp.com\/itayachtscanada.com\/wp-content\/uploads\/2025\/02\/Capture-decran-le-2025-02-02-a-09.18.35.jpg?resize=601%2C400&amp;ssl=1 601w, https:\/\/i0.wp.com\/itayachtscanada.com\/wp-content\/uploads\/2025\/02\/Capture-decran-le-2025-02-02-a-09.18.35.jpg?w=1400&amp;ssl=1 1400w\" width=\"275\" height=\"183\" loading=\"lazy\" data-original-width=\"275\" data-original-height=\"183\" itemprop=\"http:\/\/schema.org\/image\" title=\"Capture d\u2019e\u0301cran, le 2025-02-02 a\u0300 09.18.35\" alt=\"Capture d\u2019e\u0301cran, le 2025-02-02 a\u0300 09.18.35\" style=\"width: 275px; height: 183px;\" \/> <\/a> <\/div> <\/div> <!-- close group --> <div class=\"gallery-group images-1\" style=\"width: 421px; height: 187px;\" data-original-width=\"421\" data-original-height=\"187\" > <div class=\"tiled-gallery-item tiled-gallery-item-large\" itemprop=\"associatedMedia\" itemscope itemtype=\"http:\/\/schema.org\/ImageObject\"> <a href=\"https:\/\/itayachtscanada.com\/fr\/listing\/sunseeker-55-manhattan-2021-1800000-usd-for-sale\/capture-decran-le-2025-02-02-a-09-23-11\/\" border=\"0\" itemprop=\"url\"> <meta itemprop=\"width\" content=\"417\"> <meta itemprop=\"height\" content=\"183\"> <img decoding=\"async\" class=\"\" data-attachment-id=\"203013\" data-orig-file=\"https:\/\/itayachtscanada.com\/wp-content\/uploads\/2025\/02\/Capture-decran-le-2025-02-02-a-09.23.11.jpg\" data-orig-size=\"2548,1120\" data-comments-opened=\"1\" data-image-meta=\"{&quot;aperture&quot;:&quot;0&quot;,&quot;credit&quot;:&quot;&quot;,&quot;camera&quot;:&quot;&quot;,&quot;caption&quot;:&quot;&quot;,&quot;created_timestamp&quot;:&quot;0&quot;,&quot;copyright&quot;:&quot;&quot;,&quot;focal_length&quot;:&quot;0&quot;,&quot;iso&quot;:&quot;0&quot;,&quot;shutter_speed&quot;:&quot;0&quot;,&quot;title&quot;:&quot;&quot;,&quot;orientation&quot;:&quot;0&quot;}\" data-image-title=\"Capture d\u2019e\u0301cran, le 2025-02-02 a\u0300 09.23.11\" data-image-description=\"\" data-medium-file=\"https:\/\/i0.wp.com\/itayachtscanada.com\/wp-content\/uploads\/2025\/02\/Capture-decran-le-2025-02-02-a-09.23.11.jpg?fit=300%2C132&#038;ssl=1\" data-large-file=\"https:\/\/i0.wp.com\/itayachtscanada.com\/wp-content\/uploads\/2025\/02\/Capture-decran-le-2025-02-02-a-09.23.11.jpg?fit=700%2C308&#038;ssl=1\" src=\"https:\/\/i0.wp.com\/itayachtscanada.com\/wp-content\/uploads\/2025\/02\/Capture-decran-le-2025-02-02-a-09.23.11.jpg?w=417&#038;h=183&#038;ssl=1\" srcset=\"https:\/\/i0.wp.com\/itayachtscanada.com\/wp-content\/uploads\/2025\/02\/Capture-decran-le-2025-02-02-a-09.23.11.jpg?w=2548&amp;ssl=1 2548w, https:\/\/i0.wp.com\/itayachtscanada.com\/wp-content\/uploads\/2025\/02\/Capture-decran-le-2025-02-02-a-09.23.11.jpg?resize=300%2C132&amp;ssl=1 300w, https:\/\/i0.wp.com\/itayachtscanada.com\/wp-content\/uploads\/2025\/02\/Capture-decran-le-2025-02-02-a-09.23.11.jpg?resize=1024%2C450&amp;ssl=1 1024w, https:\/\/i0.wp.com\/itayachtscanada.com\/wp-content\/uploads\/2025\/02\/Capture-decran-le-2025-02-02-a-09.23.11.jpg?resize=768%2C338&amp;ssl=1 768w, https:\/\/i0.wp.com\/itayachtscanada.com\/wp-content\/uploads\/2025\/02\/Capture-decran-le-2025-02-02-a-09.23.11.jpg?resize=1536%2C675&amp;ssl=1 1536w, https:\/\/i0.wp.com\/itayachtscanada.com\/wp-content\/uploads\/2025\/02\/Capture-decran-le-2025-02-02-a-09.23.11.jpg?resize=2048%2C900&amp;ssl=1 2048w, https:\/\/i0.wp.com\/itayachtscanada.com\/wp-content\/uploads\/2025\/02\/Capture-decran-le-2025-02-02-a-09.23.11.jpg?resize=700%2C308&amp;ssl=1 700w, https:\/\/i0.wp.com\/itayachtscanada.com\/wp-content\/uploads\/2025\/02\/Capture-decran-le-2025-02-02-a-09.23.11.jpg?resize=2000%2C879&amp;ssl=1 2000w, https:\/\/i0.wp.com\/itayachtscanada.com\/wp-content\/uploads\/2025\/02\/Capture-decran-le-2025-02-02-a-09.23.11.jpg?resize=910%2C400&amp;ssl=1 910w, https:\/\/i0.wp.com\/itayachtscanada.com\/wp-content\/uploads\/2025\/02\/Capture-decran-le-2025-02-02-a-09.23.11.jpg?w=1400&amp;ssl=1 1400w, https:\/\/i0.wp.com\/itayachtscanada.com\/wp-content\/uploads\/2025\/02\/Capture-decran-le-2025-02-02-a-09.23.11.jpg?w=2100&amp;ssl=1 2100w\" width=\"417\" height=\"183\" loading=\"lazy\" data-original-width=\"417\" data-original-height=\"183\" itemprop=\"http:\/\/schema.org\/image\" title=\"Capture d\u2019e\u0301cran, le 2025-02-02 a\u0300 09.23.11\" alt=\"Capture d\u2019e\u0301cran, le 2025-02-02 a\u0300 09.23.11\" style=\"width: 417px; height: 183px;\" \/> <\/a> <\/div> <\/div> <!-- close group --> <\/div> <!-- close row --> <div class=\"gallery-row\" style=\"width: 700px; height: 310px;\" data-original-width=\"700\" data-original-height=\"310\" > <div class=\"gallery-group images-1\" style=\"width: 700px; height: 310px;\" data-original-width=\"700\" data-original-height=\"310\" > <div class=\"tiled-gallery-item tiled-gallery-item-large\" itemprop=\"associatedMedia\" itemscope itemtype=\"http:\/\/schema.org\/ImageObject\"> <a href=\"https:\/\/itayachtscanada.com\/fr\/listing\/sunseeker-55-manhattan-2021-1800000-usd-for-sale\/capture-decran-le-2025-02-02-a-09-22-50\/\" border=\"0\" itemprop=\"url\"> <meta itemprop=\"width\" content=\"696\"> <meta itemprop=\"height\" content=\"306\"> <img decoding=\"async\" class=\"\" data-attachment-id=\"203015\" data-orig-file=\"https:\/\/itayachtscanada.com\/wp-content\/uploads\/2025\/02\/Capture-decran-le-2025-02-02-a-09.22.50.jpg\" data-orig-size=\"2548,1120\" data-comments-opened=\"1\" data-image-meta=\"{&quot;aperture&quot;:&quot;0&quot;,&quot;credit&quot;:&quot;&quot;,&quot;camera&quot;:&quot;&quot;,&quot;caption&quot;:&quot;&quot;,&quot;created_timestamp&quot;:&quot;0&quot;,&quot;copyright&quot;:&quot;&quot;,&quot;focal_length&quot;:&quot;0&quot;,&quot;iso&quot;:&quot;0&quot;,&quot;shutter_speed&quot;:&quot;0&quot;,&quot;title&quot;:&quot;&quot;,&quot;orientation&quot;:&quot;0&quot;}\" data-image-title=\"Capture d\u2019e\u0301cran, le 2025-02-02 a\u0300 09.22.50\" data-image-description=\"\" data-medium-file=\"https:\/\/i0.wp.com\/itayachtscanada.com\/wp-content\/uploads\/2025\/02\/Capture-decran-le-2025-02-02-a-09.22.50.jpg?fit=300%2C132&#038;ssl=1\" data-large-file=\"https:\/\/i0.wp.com\/itayachtscanada.com\/wp-content\/uploads\/2025\/02\/Capture-decran-le-2025-02-02-a-09.22.50.jpg?fit=700%2C308&#038;ssl=1\" src=\"https:\/\/i0.wp.com\/itayachtscanada.com\/wp-content\/uploads\/2025\/02\/Capture-decran-le-2025-02-02-a-09.22.50.jpg?w=696&#038;h=306&#038;ssl=1\" srcset=\"https:\/\/i0.wp.com\/itayachtscanada.com\/wp-content\/uploads\/2025\/02\/Capture-decran-le-2025-02-02-a-09.22.50.jpg?w=2548&amp;ssl=1 2548w, https:\/\/i0.wp.com\/itayachtscanada.com\/wp-content\/uploads\/2025\/02\/Capture-decran-le-2025-02-02-a-09.22.50.jpg?resize=300%2C132&amp;ssl=1 300w, https:\/\/i0.wp.com\/itayachtscanada.com\/wp-content\/uploads\/2025\/02\/Capture-decran-le-2025-02-02-a-09.22.50.jpg?resize=1024%2C450&amp;ssl=1 1024w, https:\/\/i0.wp.com\/itayachtscanada.com\/wp-content\/uploads\/2025\/02\/Capture-decran-le-2025-02-02-a-09.22.50.jpg?resize=768%2C338&amp;ssl=1 768w, https:\/\/i0.wp.com\/itayachtscanada.com\/wp-content\/uploads\/2025\/02\/Capture-decran-le-2025-02-02-a-09.22.50.jpg?resize=1536%2C675&amp;ssl=1 1536w, https:\/\/i0.wp.com\/itayachtscanada.com\/wp-content\/uploads\/2025\/02\/Capture-decran-le-2025-02-02-a-09.22.50.jpg?resize=2048%2C900&amp;ssl=1 2048w, https:\/\/i0.wp.com\/itayachtscanada.com\/wp-content\/uploads\/2025\/02\/Capture-decran-le-2025-02-02-a-09.22.50.jpg?resize=700%2C308&amp;ssl=1 700w, https:\/\/i0.wp.com\/itayachtscanada.com\/wp-content\/uploads\/2025\/02\/Capture-decran-le-2025-02-02-a-09.22.50.jpg?resize=2000%2C879&amp;ssl=1 2000w, https:\/\/i0.wp.com\/itayachtscanada.com\/wp-content\/uploads\/2025\/02\/Capture-decran-le-2025-02-02-a-09.22.50.jpg?resize=910%2C400&amp;ssl=1 910w, https:\/\/i0.wp.com\/itayachtscanada.com\/wp-content\/uploads\/2025\/02\/Capture-decran-le-2025-02-02-a-09.22.50.jpg?w=1400&amp;ssl=1 1400w, https:\/\/i0.wp.com\/itayachtscanada.com\/wp-content\/uploads\/2025\/02\/Capture-decran-le-2025-02-02-a-09.22.50.jpg?w=2100&amp;ssl=1 2100w\" width=\"696\" height=\"306\" loading=\"lazy\" data-original-width=\"696\" data-original-height=\"306\" itemprop=\"http:\/\/schema.org\/image\" title=\"Capture d\u2019e\u0301cran, le 2025-02-02 a\u0300 09.22.50\" alt=\"Capture d\u2019e\u0301cran, le 2025-02-02 a\u0300 09.22.50\" style=\"width: 696px; height: 306px;\" \/> <\/a> <\/div> <\/div> <!-- close group --> <\/div> <!-- close row --> <div class=\"gallery-row\" style=\"width: 700px; height: 310px;\" data-original-width=\"700\" data-original-height=\"310\" > <div class=\"gallery-group images-1\" style=\"width: 700px; height: 310px;\" data-original-width=\"700\" data-original-height=\"310\" > <div class=\"tiled-gallery-item tiled-gallery-item-large\" itemprop=\"associatedMedia\" itemscope itemtype=\"http:\/\/schema.org\/ImageObject\"> <a href=\"https:\/\/itayachtscanada.com\/fr\/listing\/sunseeker-55-manhattan-2021-1800000-usd-for-sale\/capture-decran-le-2025-02-02-a-09-23-03\/\" border=\"0\" itemprop=\"url\"> <meta itemprop=\"width\" content=\"696\"> <meta itemprop=\"height\" content=\"306\"> <img decoding=\"async\" class=\"\" data-attachment-id=\"203014\" data-orig-file=\"https:\/\/itayachtscanada.com\/wp-content\/uploads\/2025\/02\/Capture-decran-le-2025-02-02-a-09.23.03.jpg\" data-orig-size=\"2548,1120\" data-comments-opened=\"1\" data-image-meta=\"{&quot;aperture&quot;:&quot;0&quot;,&quot;credit&quot;:&quot;&quot;,&quot;camera&quot;:&quot;&quot;,&quot;caption&quot;:&quot;&quot;,&quot;created_timestamp&quot;:&quot;0&quot;,&quot;copyright&quot;:&quot;&quot;,&quot;focal_length&quot;:&quot;0&quot;,&quot;iso&quot;:&quot;0&quot;,&quot;shutter_speed&quot;:&quot;0&quot;,&quot;title&quot;:&quot;&quot;,&quot;orientation&quot;:&quot;0&quot;}\" data-image-title=\"Capture d\u2019e\u0301cran, le 2025-02-02 a\u0300 09.23.03\" data-image-description=\"\" data-medium-file=\"https:\/\/i0.wp.com\/itayachtscanada.com\/wp-content\/uploads\/2025\/02\/Capture-decran-le-2025-02-02-a-09.23.03.jpg?fit=300%2C132&#038;ssl=1\" data-large-file=\"https:\/\/i0.wp.com\/itayachtscanada.com\/wp-content\/uploads\/2025\/02\/Capture-decran-le-2025-02-02-a-09.23.03.jpg?fit=700%2C308&#038;ssl=1\" src=\"https:\/\/i0.wp.com\/itayachtscanada.com\/wp-content\/uploads\/2025\/02\/Capture-decran-le-2025-02-02-a-09.23.03.jpg?w=696&#038;h=306&#038;ssl=1\" srcset=\"https:\/\/i0.wp.com\/itayachtscanada.com\/wp-content\/uploads\/2025\/02\/Capture-decran-le-2025-02-02-a-09.23.03.jpg?w=2548&amp;ssl=1 2548w, https:\/\/i0.wp.com\/itayachtscanada.com\/wp-content\/uploads\/2025\/02\/Capture-decran-le-2025-02-02-a-09.23.03.jpg?resize=300%2C132&amp;ssl=1 300w, https:\/\/i0.wp.com\/itayachtscanada.com\/wp-content\/uploads\/2025\/02\/Capture-decran-le-2025-02-02-a-09.23.03.jpg?resize=1024%2C450&amp;ssl=1 1024w, https:\/\/i0.wp.com\/itayachtscanada.com\/wp-content\/uploads\/2025\/02\/Capture-decran-le-2025-02-02-a-09.23.03.jpg?resize=768%2C338&amp;ssl=1 768w, https:\/\/i0.wp.com\/itayachtscanada.com\/wp-content\/uploads\/2025\/02\/Capture-decran-le-2025-02-02-a-09.23.03.jpg?resize=1536%2C675&amp;ssl=1 1536w, https:\/\/i0.wp.com\/itayachtscanada.com\/wp-content\/uploads\/2025\/02\/Capture-decran-le-2025-02-02-a-09.23.03.jpg?resize=2048%2C900&amp;ssl=1 2048w, https:\/\/i0.wp.com\/itayachtscanada.com\/wp-content\/uploads\/2025\/02\/Capture-decran-le-2025-02-02-a-09.23.03.jpg?resize=700%2C308&amp;ssl=1 700w, https:\/\/i0.wp.com\/itayachtscanada.com\/wp-content\/uploads\/2025\/02\/Capture-decran-le-2025-02-02-a-09.23.03.jpg?resize=2000%2C879&amp;ssl=1 2000w, https:\/\/i0.wp.com\/itayachtscanada.com\/wp-content\/uploads\/2025\/02\/Capture-decran-le-2025-02-02-a-09.23.03.jpg?resize=910%2C400&amp;ssl=1 910w, https:\/\/i0.wp.com\/itayachtscanada.com\/wp-content\/uploads\/2025\/02\/Capture-decran-le-2025-02-02-a-09.23.03.jpg?w=1400&amp;ssl=1 1400w, https:\/\/i0.wp.com\/itayachtscanada.com\/wp-content\/uploads\/2025\/02\/Capture-decran-le-2025-02-02-a-09.23.03.jpg?w=2100&amp;ssl=1 2100w\" width=\"696\" height=\"306\" loading=\"lazy\" data-original-width=\"696\" data-original-height=\"306\" itemprop=\"http:\/\/schema.org\/image\" title=\"Capture d\u2019e\u0301cran, le 2025-02-02 a\u0300 09.23.03\" alt=\"Capture d\u2019e\u0301cran, le 2025-02-02 a\u0300 09.23.03\" style=\"width: 696px; height: 306px;\" \/> <\/a> <\/div> <\/div> <!-- close group --> <\/div> <!-- close row --> <div class=\"gallery-row\" style=\"width: 700px; height: 310px;\" data-original-width=\"700\" data-original-height=\"310\" > <div class=\"gallery-group images-1\" style=\"width: 700px; height: 310px;\" data-original-width=\"700\" data-original-height=\"310\" > <div class=\"tiled-gallery-item tiled-gallery-item-large\" itemprop=\"associatedMedia\" itemscope itemtype=\"http:\/\/schema.org\/ImageObject\"> <a href=\"https:\/\/itayachtscanada.com\/fr\/listing\/sunseeker-55-manhattan-2021-1800000-usd-for-sale\/capture-decran-le-2025-02-02-a-09-23-36\/\" border=\"0\" itemprop=\"url\"> <meta itemprop=\"width\" content=\"696\"> <meta itemprop=\"height\" content=\"306\"> <img decoding=\"async\" class=\"\" data-attachment-id=\"203012\" data-orig-file=\"https:\/\/itayachtscanada.com\/wp-content\/uploads\/2025\/02\/Capture-decran-le-2025-02-02-a-09.23.36.jpg\" data-orig-size=\"2548,1120\" data-comments-opened=\"1\" data-image-meta=\"{&quot;aperture&quot;:&quot;0&quot;,&quot;credit&quot;:&quot;&quot;,&quot;camera&quot;:&quot;&quot;,&quot;caption&quot;:&quot;&quot;,&quot;created_timestamp&quot;:&quot;0&quot;,&quot;copyright&quot;:&quot;&quot;,&quot;focal_length&quot;:&quot;0&quot;,&quot;iso&quot;:&quot;0&quot;,&quot;shutter_speed&quot;:&quot;0&quot;,&quot;title&quot;:&quot;&quot;,&quot;orientation&quot;:&quot;0&quot;}\" data-image-title=\"Capture d\u2019e\u0301cran, le 2025-02-02 a\u0300 09.23.36\" data-image-description=\"\" data-medium-file=\"https:\/\/i0.wp.com\/itayachtscanada.com\/wp-content\/uploads\/2025\/02\/Capture-decran-le-2025-02-02-a-09.23.36.jpg?fit=300%2C132&#038;ssl=1\" data-large-file=\"https:\/\/i0.wp.com\/itayachtscanada.com\/wp-content\/uploads\/2025\/02\/Capture-decran-le-2025-02-02-a-09.23.36.jpg?fit=700%2C308&#038;ssl=1\" src=\"https:\/\/i0.wp.com\/itayachtscanada.com\/wp-content\/uploads\/2025\/02\/Capture-decran-le-2025-02-02-a-09.23.36.jpg?w=696&#038;h=306&#038;ssl=1\" srcset=\"https:\/\/i0.wp.com\/itayachtscanada.com\/wp-content\/uploads\/2025\/02\/Capture-decran-le-2025-02-02-a-09.23.36.jpg?w=2548&amp;ssl=1 2548w, https:\/\/i0.wp.com\/itayachtscanada.com\/wp-content\/uploads\/2025\/02\/Capture-decran-le-2025-02-02-a-09.23.36.jpg?resize=300%2C132&amp;ssl=1 300w, https:\/\/i0.wp.com\/itayachtscanada.com\/wp-content\/uploads\/2025\/02\/Capture-decran-le-2025-02-02-a-09.23.36.jpg?resize=1024%2C450&amp;ssl=1 1024w, https:\/\/i0.wp.com\/itayachtscanada.com\/wp-content\/uploads\/2025\/02\/Capture-decran-le-2025-02-02-a-09.23.36.jpg?resize=768%2C338&amp;ssl=1 768w, https:\/\/i0.wp.com\/itayachtscanada.com\/wp-content\/uploads\/2025\/02\/Capture-decran-le-2025-02-02-a-09.23.36.jpg?resize=1536%2C675&amp;ssl=1 1536w, https:\/\/i0.wp.com\/itayachtscanada.com\/wp-content\/uploads\/2025\/02\/Capture-decran-le-2025-02-02-a-09.23.36.jpg?resize=2048%2C900&amp;ssl=1 2048w, https:\/\/i0.wp.com\/itayachtscanada.com\/wp-content\/uploads\/2025\/02\/Capture-decran-le-2025-02-02-a-09.23.36.jpg?resize=700%2C308&amp;ssl=1 700w, https:\/\/i0.wp.com\/itayachtscanada.com\/wp-content\/uploads\/2025\/02\/Capture-decran-le-2025-02-02-a-09.23.36.jpg?resize=2000%2C879&amp;ssl=1 2000w, https:\/\/i0.wp.com\/itayachtscanada.com\/wp-content\/uploads\/2025\/02\/Capture-decran-le-2025-02-02-a-09.23.36.jpg?resize=910%2C400&amp;ssl=1 910w, https:\/\/i0.wp.com\/itayachtscanada.com\/wp-content\/uploads\/2025\/02\/Capture-decran-le-2025-02-02-a-09.23.36.jpg?w=1400&amp;ssl=1 1400w, https:\/\/i0.wp.com\/itayachtscanada.com\/wp-content\/uploads\/2025\/02\/Capture-decran-le-2025-02-02-a-09.23.36.jpg?w=2100&amp;ssl=1 2100w\" width=\"696\" height=\"306\" loading=\"lazy\" data-original-width=\"696\" data-original-height=\"306\" itemprop=\"http:\/\/schema.org\/image\" title=\"Capture d\u2019e\u0301cran, le 2025-02-02 a\u0300 09.23.36\" alt=\"Capture d\u2019e\u0301cran, le 2025-02-02 a\u0300 09.23.36\" style=\"width: 696px; height: 306px;\" \/> <\/a> <\/div> <\/div> <!-- close group --> <\/div> <!-- close row --> <div class=\"gallery-row\" style=\"width: 700px; height: 313px;\" data-original-width=\"700\" data-original-height=\"313\" > <div class=\"gallery-group images-1\" style=\"width: 700px; height: 313px;\" data-original-width=\"700\" data-original-height=\"313\" > <div class=\"tiled-gallery-item tiled-gallery-item-large\" itemprop=\"associatedMedia\" itemscope itemtype=\"http:\/\/schema.org\/ImageObject\"> <a href=\"https:\/\/itayachtscanada.com\/fr\/listing\/sunseeker-55-manhattan-2021-1800000-usd-for-sale\/capture-decran-le-2025-02-02-a-09-20-50\/\" border=\"0\" itemprop=\"url\"> <meta itemprop=\"width\" content=\"696\"> <meta itemprop=\"height\" content=\"309\"> <img decoding=\"async\" class=\"\" data-attachment-id=\"203019\" data-orig-file=\"https:\/\/itayachtscanada.com\/wp-content\/uploads\/2025\/02\/Capture-decran-le-2025-02-02-a-09.20.50.jpg\" data-orig-size=\"2636,1172\" data-comments-opened=\"1\" data-image-meta=\"{&quot;aperture&quot;:&quot;0&quot;,&quot;credit&quot;:&quot;&quot;,&quot;camera&quot;:&quot;&quot;,&quot;caption&quot;:&quot;&quot;,&quot;created_timestamp&quot;:&quot;0&quot;,&quot;copyright&quot;:&quot;&quot;,&quot;focal_length&quot;:&quot;0&quot;,&quot;iso&quot;:&quot;0&quot;,&quot;shutter_speed&quot;:&quot;0&quot;,&quot;title&quot;:&quot;&quot;,&quot;orientation&quot;:&quot;0&quot;}\" data-image-title=\"Capture d\u2019e\u0301cran, le 2025-02-02 a\u0300 09.20.50\" data-image-description=\"\" data-medium-file=\"https:\/\/i0.wp.com\/itayachtscanada.com\/wp-content\/uploads\/2025\/02\/Capture-decran-le-2025-02-02-a-09.20.50.jpg?fit=300%2C133&#038;ssl=1\" data-large-file=\"https:\/\/i0.wp.com\/itayachtscanada.com\/wp-content\/uploads\/2025\/02\/Capture-decran-le-2025-02-02-a-09.20.50.jpg?fit=700%2C311&#038;ssl=1\" src=\"https:\/\/i0.wp.com\/itayachtscanada.com\/wp-content\/uploads\/2025\/02\/Capture-decran-le-2025-02-02-a-09.20.50.jpg?w=696&#038;h=309&#038;ssl=1\" srcset=\"https:\/\/i0.wp.com\/itayachtscanada.com\/wp-content\/uploads\/2025\/02\/Capture-decran-le-2025-02-02-a-09.20.50.jpg?w=2636&amp;ssl=1 2636w, https:\/\/i0.wp.com\/itayachtscanada.com\/wp-content\/uploads\/2025\/02\/Capture-decran-le-2025-02-02-a-09.20.50.jpg?resize=300%2C133&amp;ssl=1 300w, https:\/\/i0.wp.com\/itayachtscanada.com\/wp-content\/uploads\/2025\/02\/Capture-decran-le-2025-02-02-a-09.20.50.jpg?resize=1024%2C455&amp;ssl=1 1024w, https:\/\/i0.wp.com\/itayachtscanada.com\/wp-content\/uploads\/2025\/02\/Capture-decran-le-2025-02-02-a-09.20.50.jpg?resize=768%2C341&amp;ssl=1 768w, https:\/\/i0.wp.com\/itayachtscanada.com\/wp-content\/uploads\/2025\/02\/Capture-decran-le-2025-02-02-a-09.20.50.jpg?resize=1536%2C683&amp;ssl=1 1536w, https:\/\/i0.wp.com\/itayachtscanada.com\/wp-content\/uploads\/2025\/02\/Capture-decran-le-2025-02-02-a-09.20.50.jpg?resize=2048%2C911&amp;ssl=1 2048w, https:\/\/i0.wp.com\/itayachtscanada.com\/wp-content\/uploads\/2025\/02\/Capture-decran-le-2025-02-02-a-09.20.50.jpg?resize=700%2C311&amp;ssl=1 700w, https:\/\/i0.wp.com\/itayachtscanada.com\/wp-content\/uploads\/2025\/02\/Capture-decran-le-2025-02-02-a-09.20.50.jpg?resize=2000%2C889&amp;ssl=1 2000w, https:\/\/i0.wp.com\/itayachtscanada.com\/wp-content\/uploads\/2025\/02\/Capture-decran-le-2025-02-02-a-09.20.50.jpg?resize=900%2C400&amp;ssl=1 900w, https:\/\/i0.wp.com\/itayachtscanada.com\/wp-content\/uploads\/2025\/02\/Capture-decran-le-2025-02-02-a-09.20.50.jpg?w=1400&amp;ssl=1 1400w, https:\/\/i0.wp.com\/itayachtscanada.com\/wp-content\/uploads\/2025\/02\/Capture-decran-le-2025-02-02-a-09.20.50.jpg?w=2100&amp;ssl=1 2100w\" width=\"696\" height=\"309\" loading=\"lazy\" data-original-width=\"696\" data-original-height=\"309\" itemprop=\"http:\/\/schema.org\/image\" title=\"Capture d\u2019e\u0301cran, le 2025-02-02 a\u0300 09.20.50\" alt=\"Capture d\u2019e\u0301cran, le 2025-02-02 a\u0300 09.20.50\" style=\"width: 696px; height: 309px;\" \/> <\/a> <\/div> <\/div> <!-- close group --> <\/div> <!-- close row --> <div class=\"gallery-row\" style=\"width: 700px; height: 313px;\" data-original-width=\"700\" data-original-height=\"313\" > <div class=\"gallery-group images-1\" style=\"width: 700px; height: 313px;\" data-original-width=\"700\" data-original-height=\"313\" > <div class=\"tiled-gallery-item tiled-gallery-item-large\" itemprop=\"associatedMedia\" itemscope itemtype=\"http:\/\/schema.org\/ImageObject\"> <a href=\"https:\/\/itayachtscanada.com\/fr\/listing\/sunseeker-55-manhattan-2021-1800000-usd-for-sale\/capture-decran-le-2025-02-02-a-09-20-41\/\" border=\"0\" itemprop=\"url\"> <meta itemprop=\"width\" content=\"696\"> <meta itemprop=\"height\" content=\"309\"> <img decoding=\"async\" class=\"\" data-attachment-id=\"203020\" data-orig-file=\"https:\/\/itayachtscanada.com\/wp-content\/uploads\/2025\/02\/Capture-decran-le-2025-02-02-a-09.20.41.jpg\" data-orig-size=\"2636,1172\" data-comments-opened=\"1\" data-image-meta=\"{&quot;aperture&quot;:&quot;0&quot;,&quot;credit&quot;:&quot;&quot;,&quot;camera&quot;:&quot;&quot;,&quot;caption&quot;:&quot;&quot;,&quot;created_timestamp&quot;:&quot;0&quot;,&quot;copyright&quot;:&quot;&quot;,&quot;focal_length&quot;:&quot;0&quot;,&quot;iso&quot;:&quot;0&quot;,&quot;shutter_speed&quot;:&quot;0&quot;,&quot;title&quot;:&quot;&quot;,&quot;orientation&quot;:&quot;0&quot;}\" data-image-title=\"Capture d\u2019e\u0301cran, le 2025-02-02 a\u0300 09.20.41\" data-image-description=\"\" data-medium-file=\"https:\/\/i0.wp.com\/itayachtscanada.com\/wp-content\/uploads\/2025\/02\/Capture-decran-le-2025-02-02-a-09.20.41.jpg?fit=300%2C133&#038;ssl=1\" data-large-file=\"https:\/\/i0.wp.com\/itayachtscanada.com\/wp-content\/uploads\/2025\/02\/Capture-decran-le-2025-02-02-a-09.20.41.jpg?fit=700%2C311&#038;ssl=1\" src=\"https:\/\/i0.wp.com\/itayachtscanada.com\/wp-content\/uploads\/2025\/02\/Capture-decran-le-2025-02-02-a-09.20.41.jpg?w=696&#038;h=309&#038;ssl=1\" srcset=\"https:\/\/i0.wp.com\/itayachtscanada.com\/wp-content\/uploads\/2025\/02\/Capture-decran-le-2025-02-02-a-09.20.41.jpg?w=2636&amp;ssl=1 2636w, https:\/\/i0.wp.com\/itayachtscanada.com\/wp-content\/uploads\/2025\/02\/Capture-decran-le-2025-02-02-a-09.20.41.jpg?resize=300%2C133&amp;ssl=1 300w, https:\/\/i0.wp.com\/itayachtscanada.com\/wp-content\/uploads\/2025\/02\/Capture-decran-le-2025-02-02-a-09.20.41.jpg?resize=1024%2C455&amp;ssl=1 1024w, https:\/\/i0.wp.com\/itayachtscanada.com\/wp-content\/uploads\/2025\/02\/Capture-decran-le-2025-02-02-a-09.20.41.jpg?resize=768%2C341&amp;ssl=1 768w, https:\/\/i0.wp.com\/itayachtscanada.com\/wp-content\/uploads\/2025\/02\/Capture-decran-le-2025-02-02-a-09.20.41.jpg?resize=1536%2C683&amp;ssl=1 1536w, https:\/\/i0.wp.com\/itayachtscanada.com\/wp-content\/uploads\/2025\/02\/Capture-decran-le-2025-02-02-a-09.20.41.jpg?resize=2048%2C911&amp;ssl=1 2048w, https:\/\/i0.wp.com\/itayachtscanada.com\/wp-content\/uploads\/2025\/02\/Capture-decran-le-2025-02-02-a-09.20.41.jpg?resize=700%2C311&amp;ssl=1 700w, https:\/\/i0.wp.com\/itayachtscanada.com\/wp-content\/uploads\/2025\/02\/Capture-decran-le-2025-02-02-a-09.20.41.jpg?resize=2000%2C889&amp;ssl=1 2000w, https:\/\/i0.wp.com\/itayachtscanada.com\/wp-content\/uploads\/2025\/02\/Capture-decran-le-2025-02-02-a-09.20.41.jpg?resize=900%2C400&amp;ssl=1 900w, https:\/\/i0.wp.com\/itayachtscanada.com\/wp-content\/uploads\/2025\/02\/Capture-decran-le-2025-02-02-a-09.20.41.jpg?w=1400&amp;ssl=1 1400w, https:\/\/i0.wp.com\/itayachtscanada.com\/wp-content\/uploads\/2025\/02\/Capture-decran-le-2025-02-02-a-09.20.41.jpg?w=2100&amp;ssl=1 2100w\" width=\"696\" height=\"309\" loading=\"lazy\" data-original-width=\"696\" data-original-height=\"309\" itemprop=\"http:\/\/schema.org\/image\" title=\"Capture d\u2019e\u0301cran, le 2025-02-02 a\u0300 09.20.41\" alt=\"Capture d\u2019e\u0301cran, le 2025-02-02 a\u0300 09.20.41\" style=\"width: 696px; height: 309px;\" \/> <\/a> <\/div> <\/div> <!-- close group --> <\/div> <!-- close row --> <div class=\"gallery-row\" style=\"width: 700px; height: 310px;\" data-original-width=\"700\" data-original-height=\"310\" > <div class=\"gallery-group images-1\" style=\"width: 700px; height: 310px;\" data-original-width=\"700\" data-original-height=\"310\" > <div class=\"tiled-gallery-item tiled-gallery-item-large\" itemprop=\"associatedMedia\" itemscope itemtype=\"http:\/\/schema.org\/ImageObject\"> <a href=\"https:\/\/itayachtscanada.com\/fr\/listing\/sunseeker-55-manhattan-2021-1800000-usd-for-sale\/capture-decran-le-2025-02-02-a-09-23-55\/\" border=\"0\" itemprop=\"url\"> <meta itemprop=\"width\" content=\"696\"> <meta itemprop=\"height\" content=\"306\"> <img decoding=\"async\" class=\"\" data-attachment-id=\"203010\" data-orig-file=\"https:\/\/itayachtscanada.com\/wp-content\/uploads\/2025\/02\/Capture-decran-le-2025-02-02-a-09.23.55.jpg\" data-orig-size=\"2548,1120\" data-comments-opened=\"1\" data-image-meta=\"{&quot;aperture&quot;:&quot;0&quot;,&quot;credit&quot;:&quot;&quot;,&quot;camera&quot;:&quot;&quot;,&quot;caption&quot;:&quot;&quot;,&quot;created_timestamp&quot;:&quot;0&quot;,&quot;copyright&quot;:&quot;&quot;,&quot;focal_length&quot;:&quot;0&quot;,&quot;iso&quot;:&quot;0&quot;,&quot;shutter_speed&quot;:&quot;0&quot;,&quot;title&quot;:&quot;&quot;,&quot;orientation&quot;:&quot;0&quot;}\" data-image-title=\"Capture d\u2019e\u0301cran, le 2025-02-02 a\u0300 09.23.55\" data-image-description=\"\" data-medium-file=\"https:\/\/i0.wp.com\/itayachtscanada.com\/wp-content\/uploads\/2025\/02\/Capture-decran-le-2025-02-02-a-09.23.55.jpg?fit=300%2C132&#038;ssl=1\" data-large-file=\"https:\/\/i0.wp.com\/itayachtscanada.com\/wp-content\/uploads\/2025\/02\/Capture-decran-le-2025-02-02-a-09.23.55.jpg?fit=700%2C308&#038;ssl=1\" src=\"https:\/\/i0.wp.com\/itayachtscanada.com\/wp-content\/uploads\/2025\/02\/Capture-decran-le-2025-02-02-a-09.23.55.jpg?w=696&#038;h=306&#038;ssl=1\" srcset=\"https:\/\/i0.wp.com\/itayachtscanada.com\/wp-content\/uploads\/2025\/02\/Capture-decran-le-2025-02-02-a-09.23.55.jpg?w=2548&amp;ssl=1 2548w, https:\/\/i0.wp.com\/itayachtscanada.com\/wp-content\/uploads\/2025\/02\/Capture-decran-le-2025-02-02-a-09.23.55.jpg?resize=300%2C132&amp;ssl=1 300w, https:\/\/i0.wp.com\/itayachtscanada.com\/wp-content\/uploads\/2025\/02\/Capture-decran-le-2025-02-02-a-09.23.55.jpg?resize=1024%2C450&amp;ssl=1 1024w, https:\/\/i0.wp.com\/itayachtscanada.com\/wp-content\/uploads\/2025\/02\/Capture-decran-le-2025-02-02-a-09.23.55.jpg?resize=768%2C338&amp;ssl=1 768w, https:\/\/i0.wp.com\/itayachtscanada.com\/wp-content\/uploads\/2025\/02\/Capture-decran-le-2025-02-02-a-09.23.55.jpg?resize=1536%2C675&amp;ssl=1 1536w, https:\/\/i0.wp.com\/itayachtscanada.com\/wp-content\/uploads\/2025\/02\/Capture-decran-le-2025-02-02-a-09.23.55.jpg?resize=2048%2C900&amp;ssl=1 2048w, https:\/\/i0.wp.com\/itayachtscanada.com\/wp-content\/uploads\/2025\/02\/Capture-decran-le-2025-02-02-a-09.23.55.jpg?resize=700%2C308&amp;ssl=1 700w, https:\/\/i0.wp.com\/itayachtscanada.com\/wp-content\/uploads\/2025\/02\/Capture-decran-le-2025-02-02-a-09.23.55.jpg?resize=2000%2C879&amp;ssl=1 2000w, https:\/\/i0.wp.com\/itayachtscanada.com\/wp-content\/uploads\/2025\/02\/Capture-decran-le-2025-02-02-a-09.23.55.jpg?resize=910%2C400&amp;ssl=1 910w, https:\/\/i0.wp.com\/itayachtscanada.com\/wp-content\/uploads\/2025\/02\/Capture-decran-le-2025-02-02-a-09.23.55.jpg?w=1400&amp;ssl=1 1400w, https:\/\/i0.wp.com\/itayachtscanada.com\/wp-content\/uploads\/2025\/02\/Capture-decran-le-2025-02-02-a-09.23.55.jpg?w=2100&amp;ssl=1 2100w\" width=\"696\" height=\"306\" loading=\"lazy\" data-original-width=\"696\" data-original-height=\"306\" itemprop=\"http:\/\/schema.org\/image\" title=\"Capture d\u2019e\u0301cran, le 2025-02-02 a\u0300 09.23.55\" alt=\"Capture d\u2019e\u0301cran, le 2025-02-02 a\u0300 09.23.55\" style=\"width: 696px; height: 306px;\" \/> <\/a> <\/div> <\/div> <!-- close group --> <\/div> <!-- close row --> <div class=\"gallery-row\" style=\"width: 700px; height: 310px;\" data-original-width=\"700\" data-original-height=\"310\" > <div class=\"gallery-group images-1\" style=\"width: 700px; height: 310px;\" data-original-width=\"700\" data-original-height=\"310\" > <div class=\"tiled-gallery-item tiled-gallery-item-large\" itemprop=\"associatedMedia\" itemscope itemtype=\"http:\/\/schema.org\/ImageObject\"> <a href=\"https:\/\/itayachtscanada.com\/fr\/listing\/sunseeker-55-manhattan-2021-1800000-usd-for-sale\/capture-decran-le-2025-02-02-a-09-23-46\/\" border=\"0\" itemprop=\"url\"> <meta itemprop=\"width\" content=\"696\"> <meta itemprop=\"height\" content=\"306\"> <img decoding=\"async\" class=\"\" data-attachment-id=\"203011\" data-orig-file=\"https:\/\/itayachtscanada.com\/wp-content\/uploads\/2025\/02\/Capture-decran-le-2025-02-02-a-09.23.46.jpg\" data-orig-size=\"2548,1120\" data-comments-opened=\"1\" data-image-meta=\"{&quot;aperture&quot;:&quot;0&quot;,&quot;credit&quot;:&quot;&quot;,&quot;camera&quot;:&quot;&quot;,&quot;caption&quot;:&quot;&quot;,&quot;created_timestamp&quot;:&quot;0&quot;,&quot;copyright&quot;:&quot;&quot;,&quot;focal_length&quot;:&quot;0&quot;,&quot;iso&quot;:&quot;0&quot;,&quot;shutter_speed&quot;:&quot;0&quot;,&quot;title&quot;:&quot;&quot;,&quot;orientation&quot;:&quot;0&quot;}\" data-image-title=\"Capture d\u2019e\u0301cran, le 2025-02-02 a\u0300 09.23.46\" data-image-description=\"\" data-medium-file=\"https:\/\/i0.wp.com\/itayachtscanada.com\/wp-content\/uploads\/2025\/02\/Capture-decran-le-2025-02-02-a-09.23.46.jpg?fit=300%2C132&#038;ssl=1\" data-large-file=\"https:\/\/i0.wp.com\/itayachtscanada.com\/wp-content\/uploads\/2025\/02\/Capture-decran-le-2025-02-02-a-09.23.46.jpg?fit=700%2C308&#038;ssl=1\" src=\"https:\/\/i0.wp.com\/itayachtscanada.com\/wp-content\/uploads\/2025\/02\/Capture-decran-le-2025-02-02-a-09.23.46.jpg?w=696&#038;h=306&#038;ssl=1\" srcset=\"https:\/\/i0.wp.com\/itayachtscanada.com\/wp-content\/uploads\/2025\/02\/Capture-decran-le-2025-02-02-a-09.23.46.jpg?w=2548&amp;ssl=1 2548w, https:\/\/i0.wp.com\/itayachtscanada.com\/wp-content\/uploads\/2025\/02\/Capture-decran-le-2025-02-02-a-09.23.46.jpg?resize=300%2C132&amp;ssl=1 300w, https:\/\/i0.wp.com\/itayachtscanada.com\/wp-content\/uploads\/2025\/02\/Capture-decran-le-2025-02-02-a-09.23.46.jpg?resize=1024%2C450&amp;ssl=1 1024w, https:\/\/i0.wp.com\/itayachtscanada.com\/wp-content\/uploads\/2025\/02\/Capture-decran-le-2025-02-02-a-09.23.46.jpg?resize=768%2C338&amp;ssl=1 768w, https:\/\/i0.wp.com\/itayachtscanada.com\/wp-content\/uploads\/2025\/02\/Capture-decran-le-2025-02-02-a-09.23.46.jpg?resize=1536%2C675&amp;ssl=1 1536w, https:\/\/i0.wp.com\/itayachtscanada.com\/wp-content\/uploads\/2025\/02\/Capture-decran-le-2025-02-02-a-09.23.46.jpg?resize=2048%2C900&amp;ssl=1 2048w, https:\/\/i0.wp.com\/itayachtscanada.com\/wp-content\/uploads\/2025\/02\/Capture-decran-le-2025-02-02-a-09.23.46.jpg?resize=700%2C308&amp;ssl=1 700w, https:\/\/i0.wp.com\/itayachtscanada.com\/wp-content\/uploads\/2025\/02\/Capture-decran-le-2025-02-02-a-09.23.46.jpg?resize=2000%2C879&amp;ssl=1 2000w, https:\/\/i0.wp.com\/itayachtscanada.com\/wp-content\/uploads\/2025\/02\/Capture-decran-le-2025-02-02-a-09.23.46.jpg?resize=910%2C400&amp;ssl=1 910w, https:\/\/i0.wp.com\/itayachtscanada.com\/wp-content\/uploads\/2025\/02\/Capture-decran-le-2025-02-02-a-09.23.46.jpg?w=1400&amp;ssl=1 1400w, https:\/\/i0.wp.com\/itayachtscanada.com\/wp-content\/uploads\/2025\/02\/Capture-decran-le-2025-02-02-a-09.23.46.jpg?w=2100&amp;ssl=1 2100w\" width=\"696\" height=\"306\" loading=\"lazy\" data-original-width=\"696\" data-original-height=\"306\" itemprop=\"http:\/\/schema.org\/image\" title=\"Capture d\u2019e\u0301cran, le 2025-02-02 a\u0300 09.23.46\" alt=\"Capture d\u2019e\u0301cran, le 2025-02-02 a\u0300 09.23.46\" style=\"width: 696px; height: 306px;\" \/> <\/a> <\/div> <\/div> <!-- close group --> <\/div> <!-- close row --> <div class=\"gallery-row\" style=\"width: 700px; height: 310px;\" data-original-width=\"700\" data-original-height=\"310\" > <div class=\"gallery-group images-1\" style=\"width: 700px; height: 310px;\" data-original-width=\"700\" data-original-height=\"310\" > <div class=\"tiled-gallery-item tiled-gallery-item-large\" itemprop=\"associatedMedia\" itemscope itemtype=\"http:\/\/schema.org\/ImageObject\"> <a href=\"https:\/\/itayachtscanada.com\/fr\/listing\/sunseeker-55-manhattan-2021-1800000-usd-for-sale\/capture-decran-le-2025-02-02-a-09-24-09\/\" border=\"0\" itemprop=\"url\"> <meta itemprop=\"width\" content=\"696\"> <meta itemprop=\"height\" content=\"306\"> <img decoding=\"async\" class=\"\" data-attachment-id=\"203009\" data-orig-file=\"https:\/\/itayachtscanada.com\/wp-content\/uploads\/2025\/02\/Capture-decran-le-2025-02-02-a-09.24.09.jpg\" data-orig-size=\"2548,1120\" data-comments-opened=\"1\" data-image-meta=\"{&quot;aperture&quot;:&quot;0&quot;,&quot;credit&quot;:&quot;&quot;,&quot;camera&quot;:&quot;&quot;,&quot;caption&quot;:&quot;&quot;,&quot;created_timestamp&quot;:&quot;0&quot;,&quot;copyright&quot;:&quot;&quot;,&quot;focal_length&quot;:&quot;0&quot;,&quot;iso&quot;:&quot;0&quot;,&quot;shutter_speed&quot;:&quot;0&quot;,&quot;title&quot;:&quot;&quot;,&quot;orientation&quot;:&quot;0&quot;}\" data-image-title=\"Capture d\u2019e\u0301cran, le 2025-02-02 a\u0300 09.24.09\" data-image-description=\"\" data-medium-file=\"https:\/\/i0.wp.com\/itayachtscanada.com\/wp-content\/uploads\/2025\/02\/Capture-decran-le-2025-02-02-a-09.24.09.jpg?fit=300%2C132&#038;ssl=1\" data-large-file=\"https:\/\/i0.wp.com\/itayachtscanada.com\/wp-content\/uploads\/2025\/02\/Capture-decran-le-2025-02-02-a-09.24.09.jpg?fit=700%2C308&#038;ssl=1\" src=\"https:\/\/i0.wp.com\/itayachtscanada.com\/wp-content\/uploads\/2025\/02\/Capture-decran-le-2025-02-02-a-09.24.09.jpg?w=696&#038;h=306&#038;ssl=1\" srcset=\"https:\/\/i0.wp.com\/itayachtscanada.com\/wp-content\/uploads\/2025\/02\/Capture-decran-le-2025-02-02-a-09.24.09.jpg?w=2548&amp;ssl=1 2548w, https:\/\/i0.wp.com\/itayachtscanada.com\/wp-content\/uploads\/2025\/02\/Capture-decran-le-2025-02-02-a-09.24.09.jpg?resize=300%2C132&amp;ssl=1 300w, https:\/\/i0.wp.com\/itayachtscanada.com\/wp-content\/uploads\/2025\/02\/Capture-decran-le-2025-02-02-a-09.24.09.jpg?resize=1024%2C450&amp;ssl=1 1024w, https:\/\/i0.wp.com\/itayachtscanada.com\/wp-content\/uploads\/2025\/02\/Capture-decran-le-2025-02-02-a-09.24.09.jpg?resize=768%2C338&amp;ssl=1 768w, https:\/\/i0.wp.com\/itayachtscanada.com\/wp-content\/uploads\/2025\/02\/Capture-decran-le-2025-02-02-a-09.24.09.jpg?resize=1536%2C675&amp;ssl=1 1536w, https:\/\/i0.wp.com\/itayachtscanada.com\/wp-content\/uploads\/2025\/02\/Capture-decran-le-2025-02-02-a-09.24.09.jpg?resize=2048%2C900&amp;ssl=1 2048w, https:\/\/i0.wp.com\/itayachtscanada.com\/wp-content\/uploads\/2025\/02\/Capture-decran-le-2025-02-02-a-09.24.09.jpg?resize=700%2C308&amp;ssl=1 700w, https:\/\/i0.wp.com\/itayachtscanada.com\/wp-content\/uploads\/2025\/02\/Capture-decran-le-2025-02-02-a-09.24.09.jpg?resize=2000%2C879&amp;ssl=1 2000w, https:\/\/i0.wp.com\/itayachtscanada.com\/wp-content\/uploads\/2025\/02\/Capture-decran-le-2025-02-02-a-09.24.09.jpg?resize=910%2C400&amp;ssl=1 910w, https:\/\/i0.wp.com\/itayachtscanada.com\/wp-content\/uploads\/2025\/02\/Capture-decran-le-2025-02-02-a-09.24.09.jpg?w=1400&amp;ssl=1 1400w, https:\/\/i0.wp.com\/itayachtscanada.com\/wp-content\/uploads\/2025\/02\/Capture-decran-le-2025-02-02-a-09.24.09.jpg?w=2100&amp;ssl=1 2100w\" width=\"696\" height=\"306\" loading=\"lazy\" data-original-width=\"696\" data-original-height=\"306\" itemprop=\"http:\/\/schema.org\/image\" title=\"Capture d\u2019e\u0301cran, le 2025-02-02 a\u0300 09.24.09\" alt=\"Capture d\u2019e\u0301cran, le 2025-02-02 a\u0300 09.24.09\" style=\"width: 696px; height: 306px;\" \/> <\/a> <\/div> <\/div> <!-- close group --> <\/div> <!-- close row --> <div class=\"gallery-row\" style=\"width: 700px; height: 310px;\" data-original-width=\"700\" data-original-height=\"310\" > <div class=\"gallery-group images-1\" style=\"width: 700px; height: 310px;\" data-original-width=\"700\" data-original-height=\"310\" > <div class=\"tiled-gallery-item tiled-gallery-item-large\" itemprop=\"associatedMedia\" itemscope itemtype=\"http:\/\/schema.org\/ImageObject\"> <a href=\"https:\/\/itayachtscanada.com\/fr\/listing\/sunseeker-55-manhattan-2021-1800000-usd-for-sale\/capture-decran-le-2025-02-02-a-09-25-38\/\" border=\"0\" itemprop=\"url\"> <meta itemprop=\"width\" content=\"696\"> <meta itemprop=\"height\" content=\"306\"> <img decoding=\"async\" class=\"\" data-attachment-id=\"203008\" data-orig-file=\"https:\/\/itayachtscanada.com\/wp-content\/uploads\/2025\/02\/Capture-decran-le-2025-02-02-a-09.25.38.jpg\" data-orig-size=\"2548,1120\" data-comments-opened=\"1\" data-image-meta=\"{&quot;aperture&quot;:&quot;0&quot;,&quot;credit&quot;:&quot;&quot;,&quot;camera&quot;:&quot;&quot;,&quot;caption&quot;:&quot;&quot;,&quot;created_timestamp&quot;:&quot;0&quot;,&quot;copyright&quot;:&quot;&quot;,&quot;focal_length&quot;:&quot;0&quot;,&quot;iso&quot;:&quot;0&quot;,&quot;shutter_speed&quot;:&quot;0&quot;,&quot;title&quot;:&quot;&quot;,&quot;orientation&quot;:&quot;0&quot;}\" data-image-title=\"Capture d\u2019e\u0301cran, le 2025-02-02 a\u0300 09.25.38\" data-image-description=\"\" data-medium-file=\"https:\/\/i0.wp.com\/itayachtscanada.com\/wp-content\/uploads\/2025\/02\/Capture-decran-le-2025-02-02-a-09.25.38.jpg?fit=300%2C132&#038;ssl=1\" data-large-file=\"https:\/\/i0.wp.com\/itayachtscanada.com\/wp-content\/uploads\/2025\/02\/Capture-decran-le-2025-02-02-a-09.25.38.jpg?fit=700%2C308&#038;ssl=1\" src=\"https:\/\/i0.wp.com\/itayachtscanada.com\/wp-content\/uploads\/2025\/02\/Capture-decran-le-2025-02-02-a-09.25.38.jpg?w=696&#038;h=306&#038;ssl=1\" srcset=\"https:\/\/i0.wp.com\/itayachtscanada.com\/wp-content\/uploads\/2025\/02\/Capture-decran-le-2025-02-02-a-09.25.38.jpg?w=2548&amp;ssl=1 2548w, https:\/\/i0.wp.com\/itayachtscanada.com\/wp-content\/uploads\/2025\/02\/Capture-decran-le-2025-02-02-a-09.25.38.jpg?resize=300%2C132&amp;ssl=1 300w, https:\/\/i0.wp.com\/itayachtscanada.com\/wp-content\/uploads\/2025\/02\/Capture-decran-le-2025-02-02-a-09.25.38.jpg?resize=1024%2C450&amp;ssl=1 1024w, https:\/\/i0.wp.com\/itayachtscanada.com\/wp-content\/uploads\/2025\/02\/Capture-decran-le-2025-02-02-a-09.25.38.jpg?resize=768%2C338&amp;ssl=1 768w, https:\/\/i0.wp.com\/itayachtscanada.com\/wp-content\/uploads\/2025\/02\/Capture-decran-le-2025-02-02-a-09.25.38.jpg?resize=1536%2C675&amp;ssl=1 1536w, https:\/\/i0.wp.com\/itayachtscanada.com\/wp-content\/uploads\/2025\/02\/Capture-decran-le-2025-02-02-a-09.25.38.jpg?resize=2048%2C900&amp;ssl=1 2048w, https:\/\/i0.wp.com\/itayachtscanada.com\/wp-content\/uploads\/2025\/02\/Capture-decran-le-2025-02-02-a-09.25.38.jpg?resize=700%2C308&amp;ssl=1 700w, https:\/\/i0.wp.com\/itayachtscanada.com\/wp-content\/uploads\/2025\/02\/Capture-decran-le-2025-02-02-a-09.25.38.jpg?resize=2000%2C879&amp;ssl=1 2000w, https:\/\/i0.wp.com\/itayachtscanada.com\/wp-content\/uploads\/2025\/02\/Capture-decran-le-2025-02-02-a-09.25.38.jpg?resize=910%2C400&amp;ssl=1 910w, https:\/\/i0.wp.com\/itayachtscanada.com\/wp-content\/uploads\/2025\/02\/Capture-decran-le-2025-02-02-a-09.25.38.jpg?w=1400&amp;ssl=1 1400w, https:\/\/i0.wp.com\/itayachtscanada.com\/wp-content\/uploads\/2025\/02\/Capture-decran-le-2025-02-02-a-09.25.38.jpg?w=2100&amp;ssl=1 2100w\" width=\"696\" height=\"306\" loading=\"lazy\" data-original-width=\"696\" data-original-height=\"306\" itemprop=\"http:\/\/schema.org\/image\" title=\"Capture d\u2019e\u0301cran, le 2025-02-02 a\u0300 09.25.38\" alt=\"Capture d\u2019e\u0301cran, le 2025-02-02 a\u0300 09.25.38\" style=\"width: 696px; height: 306px;\" \/> <\/a> <\/div> <\/div> <!-- close group --> <\/div> <!-- close row --> <div class=\"gallery-row\" style=\"width: 700px; height: 310px;\" data-original-width=\"700\" data-original-height=\"310\" > <div class=\"gallery-group images-1\" style=\"width: 700px; height: 310px;\" data-original-width=\"700\" data-original-height=\"310\" > <div class=\"tiled-gallery-item tiled-gallery-item-large\" itemprop=\"associatedMedia\" itemscope itemtype=\"http:\/\/schema.org\/ImageObject\"> <a href=\"https:\/\/itayachtscanada.com\/fr\/listing\/sunseeker-55-manhattan-2021-1800000-usd-for-sale\/capture-decran-le-2025-02-02-a-09-26-46\/\" border=\"0\" itemprop=\"url\"> <meta itemprop=\"width\" content=\"696\"> <meta itemprop=\"height\" content=\"306\"> <img decoding=\"async\" class=\"\" data-attachment-id=\"203007\" data-orig-file=\"https:\/\/itayachtscanada.com\/wp-content\/uploads\/2025\/02\/Capture-decran-le-2025-02-02-a-09.26.46.jpg\" data-orig-size=\"2548,1120\" data-comments-opened=\"1\" data-image-meta=\"{&quot;aperture&quot;:&quot;0&quot;,&quot;credit&quot;:&quot;&quot;,&quot;camera&quot;:&quot;&quot;,&quot;caption&quot;:&quot;&quot;,&quot;created_timestamp&quot;:&quot;0&quot;,&quot;copyright&quot;:&quot;&quot;,&quot;focal_length&quot;:&quot;0&quot;,&quot;iso&quot;:&quot;0&quot;,&quot;shutter_speed&quot;:&quot;0&quot;,&quot;title&quot;:&quot;&quot;,&quot;orientation&quot;:&quot;0&quot;}\" data-image-title=\"Capture d\u2019e\u0301cran, le 2025-02-02 a\u0300 09.26.46\" data-image-description=\"\" data-medium-file=\"https:\/\/i0.wp.com\/itayachtscanada.com\/wp-content\/uploads\/2025\/02\/Capture-decran-le-2025-02-02-a-09.26.46.jpg?fit=300%2C132&#038;ssl=1\" data-large-file=\"https:\/\/i0.wp.com\/itayachtscanada.com\/wp-content\/uploads\/2025\/02\/Capture-decran-le-2025-02-02-a-09.26.46.jpg?fit=700%2C308&#038;ssl=1\" src=\"https:\/\/i0.wp.com\/itayachtscanada.com\/wp-content\/uploads\/2025\/02\/Capture-decran-le-2025-02-02-a-09.26.46.jpg?w=696&#038;h=306&#038;ssl=1\" srcset=\"https:\/\/i0.wp.com\/itayachtscanada.com\/wp-content\/uploads\/2025\/02\/Capture-decran-le-2025-02-02-a-09.26.46.jpg?w=2548&amp;ssl=1 2548w, https:\/\/i0.wp.com\/itayachtscanada.com\/wp-content\/uploads\/2025\/02\/Capture-decran-le-2025-02-02-a-09.26.46.jpg?resize=300%2C132&amp;ssl=1 300w, https:\/\/i0.wp.com\/itayachtscanada.com\/wp-content\/uploads\/2025\/02\/Capture-decran-le-2025-02-02-a-09.26.46.jpg?resize=1024%2C450&amp;ssl=1 1024w, https:\/\/i0.wp.com\/itayachtscanada.com\/wp-content\/uploads\/2025\/02\/Capture-decran-le-2025-02-02-a-09.26.46.jpg?resize=768%2C338&amp;ssl=1 768w, https:\/\/i0.wp.com\/itayachtscanada.com\/wp-content\/uploads\/2025\/02\/Capture-decran-le-2025-02-02-a-09.26.46.jpg?resize=1536%2C675&amp;ssl=1 1536w, https:\/\/i0.wp.com\/itayachtscanada.com\/wp-content\/uploads\/2025\/02\/Capture-decran-le-2025-02-02-a-09.26.46.jpg?resize=2048%2C900&amp;ssl=1 2048w, https:\/\/i0.wp.com\/itayachtscanada.com\/wp-content\/uploads\/2025\/02\/Capture-decran-le-2025-02-02-a-09.26.46.jpg?resize=700%2C308&amp;ssl=1 700w, https:\/\/i0.wp.com\/itayachtscanada.com\/wp-content\/uploads\/2025\/02\/Capture-decran-le-2025-02-02-a-09.26.46.jpg?resize=2000%2C879&amp;ssl=1 2000w, https:\/\/i0.wp.com\/itayachtscanada.com\/wp-content\/uploads\/2025\/02\/Capture-decran-le-2025-02-02-a-09.26.46.jpg?resize=910%2C400&amp;ssl=1 910w, https:\/\/i0.wp.com\/itayachtscanada.com\/wp-content\/uploads\/2025\/02\/Capture-decran-le-2025-02-02-a-09.26.46.jpg?w=1400&amp;ssl=1 1400w, https:\/\/i0.wp.com\/itayachtscanada.com\/wp-content\/uploads\/2025\/02\/Capture-decran-le-2025-02-02-a-09.26.46.jpg?w=2100&amp;ssl=1 2100w\" width=\"696\" height=\"306\" loading=\"lazy\" data-original-width=\"696\" data-original-height=\"306\" itemprop=\"http:\/\/schema.org\/image\" title=\"Capture d\u2019e\u0301cran, le 2025-02-02 a\u0300 09.26.46\" alt=\"Capture d\u2019e\u0301cran, le 2025-02-02 a\u0300 09.26.46\" style=\"width: 696px; height: 306px;\" \/> <\/a> <\/div> <\/div> <!-- close group --> <\/div> <!-- close row --> <div class=\"gallery-row\" style=\"width: 700px; height: 310px;\" data-original-width=\"700\" data-original-height=\"310\" > <div class=\"gallery-group images-1\" style=\"width: 700px; height: 310px;\" data-original-width=\"700\" data-original-height=\"310\" > <div class=\"tiled-gallery-item tiled-gallery-item-large\" itemprop=\"associatedMedia\" itemscope itemtype=\"http:\/\/schema.org\/ImageObject\"> <a href=\"https:\/\/itayachtscanada.com\/fr\/listing\/sunseeker-55-manhattan-2021-1800000-usd-for-sale\/capture-decran-le-2025-02-02-a-09-27-16\/\" border=\"0\" itemprop=\"url\"> <meta itemprop=\"width\" content=\"696\"> <meta itemprop=\"height\" content=\"306\"> <img decoding=\"async\" class=\"\" data-attachment-id=\"203005\" data-orig-file=\"https:\/\/itayachtscanada.com\/wp-content\/uploads\/2025\/02\/Capture-decran-le-2025-02-02-a-09.27.16.jpg\" data-orig-size=\"2548,1120\" data-comments-opened=\"1\" data-image-meta=\"{&quot;aperture&quot;:&quot;0&quot;,&quot;credit&quot;:&quot;&quot;,&quot;camera&quot;:&quot;&quot;,&quot;caption&quot;:&quot;&quot;,&quot;created_timestamp&quot;:&quot;0&quot;,&quot;copyright&quot;:&quot;&quot;,&quot;focal_length&quot;:&quot;0&quot;,&quot;iso&quot;:&quot;0&quot;,&quot;shutter_speed&quot;:&quot;0&quot;,&quot;title&quot;:&quot;&quot;,&quot;orientation&quot;:&quot;0&quot;}\" data-image-title=\"Capture d\u2019e\u0301cran, le 2025-02-02 a\u0300 09.27.16\" data-image-description=\"\" data-medium-file=\"https:\/\/i0.wp.com\/itayachtscanada.com\/wp-content\/uploads\/2025\/02\/Capture-decran-le-2025-02-02-a-09.27.16.jpg?fit=300%2C132&#038;ssl=1\" data-large-file=\"https:\/\/i0.wp.com\/itayachtscanada.com\/wp-content\/uploads\/2025\/02\/Capture-decran-le-2025-02-02-a-09.27.16.jpg?fit=700%2C308&#038;ssl=1\" src=\"https:\/\/i0.wp.com\/itayachtscanada.com\/wp-content\/uploads\/2025\/02\/Capture-decran-le-2025-02-02-a-09.27.16.jpg?w=696&#038;h=306&#038;ssl=1\" srcset=\"https:\/\/i0.wp.com\/itayachtscanada.com\/wp-content\/uploads\/2025\/02\/Capture-decran-le-2025-02-02-a-09.27.16.jpg?w=2548&amp;ssl=1 2548w, https:\/\/i0.wp.com\/itayachtscanada.com\/wp-content\/uploads\/2025\/02\/Capture-decran-le-2025-02-02-a-09.27.16.jpg?resize=300%2C132&amp;ssl=1 300w, https:\/\/i0.wp.com\/itayachtscanada.com\/wp-content\/uploads\/2025\/02\/Capture-decran-le-2025-02-02-a-09.27.16.jpg?resize=1024%2C450&amp;ssl=1 1024w, https:\/\/i0.wp.com\/itayachtscanada.com\/wp-content\/uploads\/2025\/02\/Capture-decran-le-2025-02-02-a-09.27.16.jpg?resize=768%2C338&amp;ssl=1 768w, https:\/\/i0.wp.com\/itayachtscanada.com\/wp-content\/uploads\/2025\/02\/Capture-decran-le-2025-02-02-a-09.27.16.jpg?resize=1536%2C675&amp;ssl=1 1536w, https:\/\/i0.wp.com\/itayachtscanada.com\/wp-content\/uploads\/2025\/02\/Capture-decran-le-2025-02-02-a-09.27.16.jpg?resize=2048%2C900&amp;ssl=1 2048w, https:\/\/i0.wp.com\/itayachtscanada.com\/wp-content\/uploads\/2025\/02\/Capture-decran-le-2025-02-02-a-09.27.16.jpg?resize=700%2C308&amp;ssl=1 700w, https:\/\/i0.wp.com\/itayachtscanada.com\/wp-content\/uploads\/2025\/02\/Capture-decran-le-2025-02-02-a-09.27.16.jpg?resize=2000%2C879&amp;ssl=1 2000w, https:\/\/i0.wp.com\/itayachtscanada.com\/wp-content\/uploads\/2025\/02\/Capture-decran-le-2025-02-02-a-09.27.16.jpg?resize=910%2C400&amp;ssl=1 910w, https:\/\/i0.wp.com\/itayachtscanada.com\/wp-content\/uploads\/2025\/02\/Capture-decran-le-2025-02-02-a-09.27.16.jpg?w=1400&amp;ssl=1 1400w, https:\/\/i0.wp.com\/itayachtscanada.com\/wp-content\/uploads\/2025\/02\/Capture-decran-le-2025-02-02-a-09.27.16.jpg?w=2100&amp;ssl=1 2100w\" width=\"696\" height=\"306\" loading=\"lazy\" data-original-width=\"696\" data-original-height=\"306\" itemprop=\"http:\/\/schema.org\/image\" title=\"Capture d\u2019e\u0301cran, le 2025-02-02 a\u0300 09.27.16\" alt=\"Capture d\u2019e\u0301cran, le 2025-02-02 a\u0300 09.27.16\" style=\"width: 696px; height: 306px;\" \/> <\/a> <\/div> <\/div> <!-- close group --> <\/div> <!-- close row --> <div class=\"gallery-row\" style=\"width: 700px; height: 310px;\" data-original-width=\"700\" data-original-height=\"310\" > <div class=\"gallery-group images-1\" style=\"width: 700px; height: 310px;\" data-original-width=\"700\" data-original-height=\"310\" > <div class=\"tiled-gallery-item tiled-gallery-item-large\" itemprop=\"associatedMedia\" itemscope itemtype=\"http:\/\/schema.org\/ImageObject\"> <a href=\"https:\/\/itayachtscanada.com\/fr\/listing\/sunseeker-55-manhattan-2021-1800000-usd-for-sale\/capture-decran-le-2025-02-02-a-09-28-03\/\" border=\"0\" itemprop=\"url\"> <meta itemprop=\"width\" content=\"696\"> <meta itemprop=\"height\" content=\"306\"> <img decoding=\"async\" class=\"\" data-attachment-id=\"203000\" data-orig-file=\"https:\/\/itayachtscanada.com\/wp-content\/uploads\/2025\/02\/Capture-decran-le-2025-02-02-a-09.28.03.jpg\" data-orig-size=\"2548,1120\" data-comments-opened=\"1\" data-image-meta=\"{&quot;aperture&quot;:&quot;0&quot;,&quot;credit&quot;:&quot;&quot;,&quot;camera&quot;:&quot;&quot;,&quot;caption&quot;:&quot;&quot;,&quot;created_timestamp&quot;:&quot;0&quot;,&quot;copyright&quot;:&quot;&quot;,&quot;focal_length&quot;:&quot;0&quot;,&quot;iso&quot;:&quot;0&quot;,&quot;shutter_speed&quot;:&quot;0&quot;,&quot;title&quot;:&quot;&quot;,&quot;orientation&quot;:&quot;0&quot;}\" data-image-title=\"Capture d\u2019e\u0301cran, le 2025-02-02 a\u0300 09.28.03\" data-image-description=\"\" data-medium-file=\"https:\/\/i0.wp.com\/itayachtscanada.com\/wp-content\/uploads\/2025\/02\/Capture-decran-le-2025-02-02-a-09.28.03.jpg?fit=300%2C132&#038;ssl=1\" data-large-file=\"https:\/\/i0.wp.com\/itayachtscanada.com\/wp-content\/uploads\/2025\/02\/Capture-decran-le-2025-02-02-a-09.28.03.jpg?fit=700%2C308&#038;ssl=1\" src=\"https:\/\/i0.wp.com\/itayachtscanada.com\/wp-content\/uploads\/2025\/02\/Capture-decran-le-2025-02-02-a-09.28.03.jpg?w=696&#038;h=306&#038;ssl=1\" srcset=\"https:\/\/i0.wp.com\/itayachtscanada.com\/wp-content\/uploads\/2025\/02\/Capture-decran-le-2025-02-02-a-09.28.03.jpg?w=2548&amp;ssl=1 2548w, https:\/\/i0.wp.com\/itayachtscanada.com\/wp-content\/uploads\/2025\/02\/Capture-decran-le-2025-02-02-a-09.28.03.jpg?resize=300%2C132&amp;ssl=1 300w, https:\/\/i0.wp.com\/itayachtscanada.com\/wp-content\/uploads\/2025\/02\/Capture-decran-le-2025-02-02-a-09.28.03.jpg?resize=1024%2C450&amp;ssl=1 1024w, https:\/\/i0.wp.com\/itayachtscanada.com\/wp-content\/uploads\/2025\/02\/Capture-decran-le-2025-02-02-a-09.28.03.jpg?resize=768%2C338&amp;ssl=1 768w, https:\/\/i0.wp.com\/itayachtscanada.com\/wp-content\/uploads\/2025\/02\/Capture-decran-le-2025-02-02-a-09.28.03.jpg?resize=1536%2C675&amp;ssl=1 1536w, https:\/\/i0.wp.com\/itayachtscanada.com\/wp-content\/uploads\/2025\/02\/Capture-decran-le-2025-02-02-a-09.28.03.jpg?resize=2048%2C900&amp;ssl=1 2048w, https:\/\/i0.wp.com\/itayachtscanada.com\/wp-content\/uploads\/2025\/02\/Capture-decran-le-2025-02-02-a-09.28.03.jpg?resize=700%2C308&amp;ssl=1 700w, https:\/\/i0.wp.com\/itayachtscanada.com\/wp-content\/uploads\/2025\/02\/Capture-decran-le-2025-02-02-a-09.28.03.jpg?resize=2000%2C879&amp;ssl=1 2000w, https:\/\/i0.wp.com\/itayachtscanada.com\/wp-content\/uploads\/2025\/02\/Capture-decran-le-2025-02-02-a-09.28.03.jpg?resize=910%2C400&amp;ssl=1 910w, https:\/\/i0.wp.com\/itayachtscanada.com\/wp-content\/uploads\/2025\/02\/Capture-decran-le-2025-02-02-a-09.28.03.jpg?w=1400&amp;ssl=1 1400w, https:\/\/i0.wp.com\/itayachtscanada.com\/wp-content\/uploads\/2025\/02\/Capture-decran-le-2025-02-02-a-09.28.03.jpg?w=2100&amp;ssl=1 2100w\" width=\"696\" height=\"306\" loading=\"lazy\" data-original-width=\"696\" data-original-height=\"306\" itemprop=\"http:\/\/schema.org\/image\" title=\"Capture d\u2019e\u0301cran, le 2025-02-02 a\u0300 09.28.03\" alt=\"Capture d\u2019e\u0301cran, le 2025-02-02 a\u0300 09.28.03\" style=\"width: 696px; height: 306px;\" \/> <\/a> <\/div> <\/div> <!-- close group --> <\/div> <!-- close row --> <div class=\"gallery-row\" style=\"width: 700px; height: 310px;\" data-original-width=\"700\" data-original-height=\"310\" > <div class=\"gallery-group images-1\" style=\"width: 700px; height: 310px;\" data-original-width=\"700\" data-original-height=\"310\" > <div class=\"tiled-gallery-item tiled-gallery-item-large\" itemprop=\"associatedMedia\" itemscope itemtype=\"http:\/\/schema.org\/ImageObject\"> <a href=\"https:\/\/itayachtscanada.com\/fr\/listing\/sunseeker-55-manhattan-2021-1800000-usd-for-sale\/capture-decran-le-2025-02-02-a-09-28-00\/\" border=\"0\" itemprop=\"url\"> <meta itemprop=\"width\" content=\"696\"> <meta itemprop=\"height\" content=\"306\"> <img decoding=\"async\" class=\"\" data-attachment-id=\"203001\" data-orig-file=\"https:\/\/itayachtscanada.com\/wp-content\/uploads\/2025\/02\/Capture-decran-le-2025-02-02-a-09.28.00.jpg\" data-orig-size=\"2548,1120\" data-comments-opened=\"1\" data-image-meta=\"{&quot;aperture&quot;:&quot;0&quot;,&quot;credit&quot;:&quot;&quot;,&quot;camera&quot;:&quot;&quot;,&quot;caption&quot;:&quot;&quot;,&quot;created_timestamp&quot;:&quot;0&quot;,&quot;copyright&quot;:&quot;&quot;,&quot;focal_length&quot;:&quot;0&quot;,&quot;iso&quot;:&quot;0&quot;,&quot;shutter_speed&quot;:&quot;0&quot;,&quot;title&quot;:&quot;&quot;,&quot;orientation&quot;:&quot;0&quot;}\" data-image-title=\"Capture d\u2019e\u0301cran, le 2025-02-02 a\u0300 09.28.00\" data-image-description=\"\" data-medium-file=\"https:\/\/i0.wp.com\/itayachtscanada.com\/wp-content\/uploads\/2025\/02\/Capture-decran-le-2025-02-02-a-09.28.00.jpg?fit=300%2C132&#038;ssl=1\" data-large-file=\"https:\/\/i0.wp.com\/itayachtscanada.com\/wp-content\/uploads\/2025\/02\/Capture-decran-le-2025-02-02-a-09.28.00.jpg?fit=700%2C308&#038;ssl=1\" src=\"https:\/\/i0.wp.com\/itayachtscanada.com\/wp-content\/uploads\/2025\/02\/Capture-decran-le-2025-02-02-a-09.28.00.jpg?w=696&#038;h=306&#038;ssl=1\" srcset=\"https:\/\/i0.wp.com\/itayachtscanada.com\/wp-content\/uploads\/2025\/02\/Capture-decran-le-2025-02-02-a-09.28.00.jpg?w=2548&amp;ssl=1 2548w, https:\/\/i0.wp.com\/itayachtscanada.com\/wp-content\/uploads\/2025\/02\/Capture-decran-le-2025-02-02-a-09.28.00.jpg?resize=300%2C132&amp;ssl=1 300w, https:\/\/i0.wp.com\/itayachtscanada.com\/wp-content\/uploads\/2025\/02\/Capture-decran-le-2025-02-02-a-09.28.00.jpg?resize=1024%2C450&amp;ssl=1 1024w, https:\/\/i0.wp.com\/itayachtscanada.com\/wp-content\/uploads\/2025\/02\/Capture-decran-le-2025-02-02-a-09.28.00.jpg?resize=768%2C338&amp;ssl=1 768w, https:\/\/i0.wp.com\/itayachtscanada.com\/wp-content\/uploads\/2025\/02\/Capture-decran-le-2025-02-02-a-09.28.00.jpg?resize=1536%2C675&amp;ssl=1 1536w, https:\/\/i0.wp.com\/itayachtscanada.com\/wp-content\/uploads\/2025\/02\/Capture-decran-le-2025-02-02-a-09.28.00.jpg?resize=2048%2C900&amp;ssl=1 2048w, https:\/\/i0.wp.com\/itayachtscanada.com\/wp-content\/uploads\/2025\/02\/Capture-decran-le-2025-02-02-a-09.28.00.jpg?resize=700%2C308&amp;ssl=1 700w, https:\/\/i0.wp.com\/itayachtscanada.com\/wp-content\/uploads\/2025\/02\/Capture-decran-le-2025-02-02-a-09.28.00.jpg?resize=2000%2C879&amp;ssl=1 2000w, https:\/\/i0.wp.com\/itayachtscanada.com\/wp-content\/uploads\/2025\/02\/Capture-decran-le-2025-02-02-a-09.28.00.jpg?resize=910%2C400&amp;ssl=1 910w, https:\/\/i0.wp.com\/itayachtscanada.com\/wp-content\/uploads\/2025\/02\/Capture-decran-le-2025-02-02-a-09.28.00.jpg?w=1400&amp;ssl=1 1400w, https:\/\/i0.wp.com\/itayachtscanada.com\/wp-content\/uploads\/2025\/02\/Capture-decran-le-2025-02-02-a-09.28.00.jpg?w=2100&amp;ssl=1 2100w\" width=\"696\" height=\"306\" loading=\"lazy\" data-original-width=\"696\" data-original-height=\"306\" itemprop=\"http:\/\/schema.org\/image\" title=\"Capture d\u2019e\u0301cran, le 2025-02-02 a\u0300 09.28.00\" alt=\"Capture d\u2019e\u0301cran, le 2025-02-02 a\u0300 09.28.00\" style=\"width: 696px; height: 306px;\" \/> <\/a> <\/div> <\/div> <!-- close group --> <\/div> <!-- close row --> <div class=\"gallery-row\" style=\"width: 700px; height: 310px;\" data-original-width=\"700\" data-original-height=\"310\" > <div class=\"gallery-group images-1\" style=\"width: 700px; height: 310px;\" data-original-width=\"700\" data-original-height=\"310\" > <div class=\"tiled-gallery-item tiled-gallery-item-large\" itemprop=\"associatedMedia\" itemscope itemtype=\"http:\/\/schema.org\/ImageObject\"> <a href=\"https:\/\/itayachtscanada.com\/fr\/listing\/sunseeker-55-manhattan-2021-1800000-usd-for-sale\/capture-decran-le-2025-02-02-a-09-28-20\/\" border=\"0\" itemprop=\"url\"> <meta itemprop=\"width\" content=\"696\"> <meta itemprop=\"height\" content=\"306\"> <img decoding=\"async\" class=\"\" data-attachment-id=\"202999\" data-orig-file=\"https:\/\/itayachtscanada.com\/wp-content\/uploads\/2025\/02\/Capture-decran-le-2025-02-02-a-09.28.20.jpg\" data-orig-size=\"2548,1120\" data-comments-opened=\"1\" data-image-meta=\"{&quot;aperture&quot;:&quot;0&quot;,&quot;credit&quot;:&quot;&quot;,&quot;camera&quot;:&quot;&quot;,&quot;caption&quot;:&quot;&quot;,&quot;created_timestamp&quot;:&quot;0&quot;,&quot;copyright&quot;:&quot;&quot;,&quot;focal_length&quot;:&quot;0&quot;,&quot;iso&quot;:&quot;0&quot;,&quot;shutter_speed&quot;:&quot;0&quot;,&quot;title&quot;:&quot;&quot;,&quot;orientation&quot;:&quot;0&quot;}\" data-image-title=\"Capture d\u2019e\u0301cran, le 2025-02-02 a\u0300 09.28.20\" data-image-description=\"\" data-medium-file=\"https:\/\/i0.wp.com\/itayachtscanada.com\/wp-content\/uploads\/2025\/02\/Capture-decran-le-2025-02-02-a-09.28.20.jpg?fit=300%2C132&#038;ssl=1\" data-large-file=\"https:\/\/i0.wp.com\/itayachtscanada.com\/wp-content\/uploads\/2025\/02\/Capture-decran-le-2025-02-02-a-09.28.20.jpg?fit=700%2C308&#038;ssl=1\" src=\"https:\/\/i0.wp.com\/itayachtscanada.com\/wp-content\/uploads\/2025\/02\/Capture-decran-le-2025-02-02-a-09.28.20.jpg?w=696&#038;h=306&#038;ssl=1\" srcset=\"https:\/\/i0.wp.com\/itayachtscanada.com\/wp-content\/uploads\/2025\/02\/Capture-decran-le-2025-02-02-a-09.28.20.jpg?w=2548&amp;ssl=1 2548w, https:\/\/i0.wp.com\/itayachtscanada.com\/wp-content\/uploads\/2025\/02\/Capture-decran-le-2025-02-02-a-09.28.20.jpg?resize=300%2C132&amp;ssl=1 300w, https:\/\/i0.wp.com\/itayachtscanada.com\/wp-content\/uploads\/2025\/02\/Capture-decran-le-2025-02-02-a-09.28.20.jpg?resize=1024%2C450&amp;ssl=1 1024w, https:\/\/i0.wp.com\/itayachtscanada.com\/wp-content\/uploads\/2025\/02\/Capture-decran-le-2025-02-02-a-09.28.20.jpg?resize=768%2C338&amp;ssl=1 768w, https:\/\/i0.wp.com\/itayachtscanada.com\/wp-content\/uploads\/2025\/02\/Capture-decran-le-2025-02-02-a-09.28.20.jpg?resize=1536%2C675&amp;ssl=1 1536w, https:\/\/i0.wp.com\/itayachtscanada.com\/wp-content\/uploads\/2025\/02\/Capture-decran-le-2025-02-02-a-09.28.20.jpg?resize=2048%2C900&amp;ssl=1 2048w, https:\/\/i0.wp.com\/itayachtscanada.com\/wp-content\/uploads\/2025\/02\/Capture-decran-le-2025-02-02-a-09.28.20.jpg?resize=700%2C308&amp;ssl=1 700w, https:\/\/i0.wp.com\/itayachtscanada.com\/wp-content\/uploads\/2025\/02\/Capture-decran-le-2025-02-02-a-09.28.20.jpg?resize=2000%2C879&amp;ssl=1 2000w, https:\/\/i0.wp.com\/itayachtscanada.com\/wp-content\/uploads\/2025\/02\/Capture-decran-le-2025-02-02-a-09.28.20.jpg?resize=910%2C400&amp;ssl=1 910w, https:\/\/i0.wp.com\/itayachtscanada.com\/wp-content\/uploads\/2025\/02\/Capture-decran-le-2025-02-02-a-09.28.20.jpg?w=1400&amp;ssl=1 1400w, https:\/\/i0.wp.com\/itayachtscanada.com\/wp-content\/uploads\/2025\/02\/Capture-decran-le-2025-02-02-a-09.28.20.jpg?w=2100&amp;ssl=1 2100w\" width=\"696\" height=\"306\" loading=\"lazy\" data-original-width=\"696\" data-original-height=\"306\" itemprop=\"http:\/\/schema.org\/image\" title=\"Capture d\u2019e\u0301cran, le 2025-02-02 a\u0300 09.28.20\" alt=\"Capture d\u2019e\u0301cran, le 2025-02-02 a\u0300 09.28.20\" style=\"width: 696px; height: 306px;\" \/> <\/a> <\/div> <\/div> <!-- close group --> <\/div> <!-- close row --> <div class=\"gallery-row\" style=\"width: 700px; height: 310px;\" data-original-width=\"700\" data-original-height=\"310\" > <div class=\"gallery-group images-1\" style=\"width: 700px; height: 310px;\" data-original-width=\"700\" data-original-height=\"310\" > <div class=\"tiled-gallery-item tiled-gallery-item-large\" itemprop=\"associatedMedia\" itemscope itemtype=\"http:\/\/schema.org\/ImageObject\"> <a href=\"https:\/\/itayachtscanada.com\/fr\/listing\/sunseeker-55-manhattan-2021-1800000-usd-for-sale\/capture-decran-le-2025-02-02-a-09-27-24\/\" border=\"0\" itemprop=\"url\"> <meta itemprop=\"width\" content=\"696\"> <meta itemprop=\"height\" content=\"306\"> <img decoding=\"async\" class=\"\" data-attachment-id=\"203004\" data-orig-file=\"https:\/\/itayachtscanada.com\/wp-content\/uploads\/2025\/02\/Capture-decran-le-2025-02-02-a-09.27.24.jpg\" data-orig-size=\"2548,1120\" data-comments-opened=\"1\" data-image-meta=\"{&quot;aperture&quot;:&quot;0&quot;,&quot;credit&quot;:&quot;&quot;,&quot;camera&quot;:&quot;&quot;,&quot;caption&quot;:&quot;&quot;,&quot;created_timestamp&quot;:&quot;0&quot;,&quot;copyright&quot;:&quot;&quot;,&quot;focal_length&quot;:&quot;0&quot;,&quot;iso&quot;:&quot;0&quot;,&quot;shutter_speed&quot;:&quot;0&quot;,&quot;title&quot;:&quot;&quot;,&quot;orientation&quot;:&quot;0&quot;}\" data-image-title=\"Capture d\u2019e\u0301cran, le 2025-02-02 a\u0300 09.27.24\" data-image-description=\"\" data-medium-file=\"https:\/\/i0.wp.com\/itayachtscanada.com\/wp-content\/uploads\/2025\/02\/Capture-decran-le-2025-02-02-a-09.27.24.jpg?fit=300%2C132&#038;ssl=1\" data-large-file=\"https:\/\/i0.wp.com\/itayachtscanada.com\/wp-content\/uploads\/2025\/02\/Capture-decran-le-2025-02-02-a-09.27.24.jpg?fit=700%2C308&#038;ssl=1\" src=\"https:\/\/i0.wp.com\/itayachtscanada.com\/wp-content\/uploads\/2025\/02\/Capture-decran-le-2025-02-02-a-09.27.24.jpg?w=696&#038;h=306&#038;ssl=1\" srcset=\"https:\/\/i0.wp.com\/itayachtscanada.com\/wp-content\/uploads\/2025\/02\/Capture-decran-le-2025-02-02-a-09.27.24.jpg?w=2548&amp;ssl=1 2548w, https:\/\/i0.wp.com\/itayachtscanada.com\/wp-content\/uploads\/2025\/02\/Capture-decran-le-2025-02-02-a-09.27.24.jpg?resize=300%2C132&amp;ssl=1 300w, https:\/\/i0.wp.com\/itayachtscanada.com\/wp-content\/uploads\/2025\/02\/Capture-decran-le-2025-02-02-a-09.27.24.jpg?resize=1024%2C450&amp;ssl=1 1024w, https:\/\/i0.wp.com\/itayachtscanada.com\/wp-content\/uploads\/2025\/02\/Capture-decran-le-2025-02-02-a-09.27.24.jpg?resize=768%2C338&amp;ssl=1 768w, https:\/\/i0.wp.com\/itayachtscanada.com\/wp-content\/uploads\/2025\/02\/Capture-decran-le-2025-02-02-a-09.27.24.jpg?resize=1536%2C675&amp;ssl=1 1536w, https:\/\/i0.wp.com\/itayachtscanada.com\/wp-content\/uploads\/2025\/02\/Capture-decran-le-2025-02-02-a-09.27.24.jpg?resize=2048%2C900&amp;ssl=1 2048w, https:\/\/i0.wp.com\/itayachtscanada.com\/wp-content\/uploads\/2025\/02\/Capture-decran-le-2025-02-02-a-09.27.24.jpg?resize=700%2C308&amp;ssl=1 700w, https:\/\/i0.wp.com\/itayachtscanada.com\/wp-content\/uploads\/2025\/02\/Capture-decran-le-2025-02-02-a-09.27.24.jpg?resize=2000%2C879&amp;ssl=1 2000w, https:\/\/i0.wp.com\/itayachtscanada.com\/wp-content\/uploads\/2025\/02\/Capture-decran-le-2025-02-02-a-09.27.24.jpg?resize=910%2C400&amp;ssl=1 910w, https:\/\/i0.wp.com\/itayachtscanada.com\/wp-content\/uploads\/2025\/02\/Capture-decran-le-2025-02-02-a-09.27.24.jpg?w=1400&amp;ssl=1 1400w, https:\/\/i0.wp.com\/itayachtscanada.com\/wp-content\/uploads\/2025\/02\/Capture-decran-le-2025-02-02-a-09.27.24.jpg?w=2100&amp;ssl=1 2100w\" width=\"696\" height=\"306\" loading=\"lazy\" data-original-width=\"696\" data-original-height=\"306\" itemprop=\"http:\/\/schema.org\/image\" title=\"Capture d\u2019e\u0301cran, le 2025-02-02 a\u0300 09.27.24\" alt=\"Capture d\u2019e\u0301cran, le 2025-02-02 a\u0300 09.27.24\" style=\"width: 696px; height: 306px;\" \/> <\/a> <\/div> <\/div> <!-- close group --> <\/div> <!-- close row --> <div class=\"gallery-row\" style=\"width: 700px; height: 310px;\" data-original-width=\"700\" data-original-height=\"310\" > <div class=\"gallery-group images-1\" style=\"width: 700px; height: 310px;\" data-original-width=\"700\" data-original-height=\"310\" > <div class=\"tiled-gallery-item tiled-gallery-item-large\" itemprop=\"associatedMedia\" itemscope itemtype=\"http:\/\/schema.org\/ImageObject\"> <a href=\"https:\/\/itayachtscanada.com\/fr\/listing\/sunseeker-55-manhattan-2021-1800000-usd-for-sale\/capture-decran-le-2025-02-02-a-09-26-59\/\" border=\"0\" itemprop=\"url\"> <meta itemprop=\"width\" content=\"696\"> <meta itemprop=\"height\" content=\"306\"> <img decoding=\"async\" class=\"\" data-attachment-id=\"203006\" data-orig-file=\"https:\/\/itayachtscanada.com\/wp-content\/uploads\/2025\/02\/Capture-decran-le-2025-02-02-a-09.26.59.jpg\" data-orig-size=\"2548,1120\" data-comments-opened=\"1\" data-image-meta=\"{&quot;aperture&quot;:&quot;0&quot;,&quot;credit&quot;:&quot;&quot;,&quot;camera&quot;:&quot;&quot;,&quot;caption&quot;:&quot;&quot;,&quot;created_timestamp&quot;:&quot;0&quot;,&quot;copyright&quot;:&quot;&quot;,&quot;focal_length&quot;:&quot;0&quot;,&quot;iso&quot;:&quot;0&quot;,&quot;shutter_speed&quot;:&quot;0&quot;,&quot;title&quot;:&quot;&quot;,&quot;orientation&quot;:&quot;0&quot;}\" data-image-title=\"Capture d\u2019e\u0301cran, le 2025-02-02 a\u0300 09.26.59\" data-image-description=\"\" data-medium-file=\"https:\/\/i0.wp.com\/itayachtscanada.com\/wp-content\/uploads\/2025\/02\/Capture-decran-le-2025-02-02-a-09.26.59.jpg?fit=300%2C132&#038;ssl=1\" data-large-file=\"https:\/\/i0.wp.com\/itayachtscanada.com\/wp-content\/uploads\/2025\/02\/Capture-decran-le-2025-02-02-a-09.26.59.jpg?fit=700%2C308&#038;ssl=1\" src=\"https:\/\/i0.wp.com\/itayachtscanada.com\/wp-content\/uploads\/2025\/02\/Capture-decran-le-2025-02-02-a-09.26.59.jpg?w=696&#038;h=306&#038;ssl=1\" srcset=\"https:\/\/i0.wp.com\/itayachtscanada.com\/wp-content\/uploads\/2025\/02\/Capture-decran-le-2025-02-02-a-09.26.59.jpg?w=2548&amp;ssl=1 2548w, https:\/\/i0.wp.com\/itayachtscanada.com\/wp-content\/uploads\/2025\/02\/Capture-decran-le-2025-02-02-a-09.26.59.jpg?resize=300%2C132&amp;ssl=1 300w, https:\/\/i0.wp.com\/itayachtscanada.com\/wp-content\/uploads\/2025\/02\/Capture-decran-le-2025-02-02-a-09.26.59.jpg?resize=1024%2C450&amp;ssl=1 1024w, https:\/\/i0.wp.com\/itayachtscanada.com\/wp-content\/uploads\/2025\/02\/Capture-decran-le-2025-02-02-a-09.26.59.jpg?resize=768%2C338&amp;ssl=1 768w, https:\/\/i0.wp.com\/itayachtscanada.com\/wp-content\/uploads\/2025\/02\/Capture-decran-le-2025-02-02-a-09.26.59.jpg?resize=1536%2C675&amp;ssl=1 1536w, https:\/\/i0.wp.com\/itayachtscanada.com\/wp-content\/uploads\/2025\/02\/Capture-decran-le-2025-02-02-a-09.26.59.jpg?resize=2048%2C900&amp;ssl=1 2048w, https:\/\/i0.wp.com\/itayachtscanada.com\/wp-content\/uploads\/2025\/02\/Capture-decran-le-2025-02-02-a-09.26.59.jpg?resize=700%2C308&amp;ssl=1 700w, https:\/\/i0.wp.com\/itayachtscanada.com\/wp-content\/uploads\/2025\/02\/Capture-decran-le-2025-02-02-a-09.26.59.jpg?resize=2000%2C879&amp;ssl=1 2000w, https:\/\/i0.wp.com\/itayachtscanada.com\/wp-content\/uploads\/2025\/02\/Capture-decran-le-2025-02-02-a-09.26.59.jpg?resize=910%2C400&amp;ssl=1 910w, https:\/\/i0.wp.com\/itayachtscanada.com\/wp-content\/uploads\/2025\/02\/Capture-decran-le-2025-02-02-a-09.26.59.jpg?w=1400&amp;ssl=1 1400w, https:\/\/i0.wp.com\/itayachtscanada.com\/wp-content\/uploads\/2025\/02\/Capture-decran-le-2025-02-02-a-09.26.59.jpg?w=2100&amp;ssl=1 2100w\" width=\"696\" height=\"306\" loading=\"lazy\" data-original-width=\"696\" data-original-height=\"306\" itemprop=\"http:\/\/schema.org\/image\" title=\"Capture d\u2019e\u0301cran, le 2025-02-02 a\u0300 09.26.59\" alt=\"Capture d\u2019e\u0301cran, le 2025-02-02 a\u0300 09.26.59\" style=\"width: 696px; height: 306px;\" \/> <\/a> <\/div> <\/div> <!-- close group --> <\/div> <!-- close row --> <div class=\"gallery-row\" style=\"width: 700px; height: 310px;\" data-original-width=\"700\" data-original-height=\"310\" > <div class=\"gallery-group images-1\" style=\"width: 700px; height: 310px;\" data-original-width=\"700\" data-original-height=\"310\" > <div class=\"tiled-gallery-item tiled-gallery-item-large\" itemprop=\"associatedMedia\" itemscope itemtype=\"http:\/\/schema.org\/ImageObject\"> <a href=\"https:\/\/itayachtscanada.com\/fr\/listing\/sunseeker-55-manhattan-2021-1800000-usd-for-sale\/capture-decran-le-2025-02-02-a-09-29-36\/\" border=\"0\" itemprop=\"url\"> <meta itemprop=\"width\" content=\"696\"> <meta itemprop=\"height\" content=\"306\"> <img decoding=\"async\" class=\"\" data-attachment-id=\"202998\" data-orig-file=\"https:\/\/itayachtscanada.com\/wp-content\/uploads\/2025\/02\/Capture-decran-le-2025-02-02-a-09.29.36.jpg\" data-orig-size=\"2548,1120\" data-comments-opened=\"1\" data-image-meta=\"{&quot;aperture&quot;:&quot;0&quot;,&quot;credit&quot;:&quot;&quot;,&quot;camera&quot;:&quot;&quot;,&quot;caption&quot;:&quot;&quot;,&quot;created_timestamp&quot;:&quot;0&quot;,&quot;copyright&quot;:&quot;&quot;,&quot;focal_length&quot;:&quot;0&quot;,&quot;iso&quot;:&quot;0&quot;,&quot;shutter_speed&quot;:&quot;0&quot;,&quot;title&quot;:&quot;&quot;,&quot;orientation&quot;:&quot;0&quot;}\" data-image-title=\"Capture d\u2019e\u0301cran, le 2025-02-02 a\u0300 09.29.36\" data-image-description=\"\" data-medium-file=\"https:\/\/i0.wp.com\/itayachtscanada.com\/wp-content\/uploads\/2025\/02\/Capture-decran-le-2025-02-02-a-09.29.36.jpg?fit=300%2C132&#038;ssl=1\" data-large-file=\"https:\/\/i0.wp.com\/itayachtscanada.com\/wp-content\/uploads\/2025\/02\/Capture-decran-le-2025-02-02-a-09.29.36.jpg?fit=700%2C308&#038;ssl=1\" src=\"https:\/\/i0.wp.com\/itayachtscanada.com\/wp-content\/uploads\/2025\/02\/Capture-decran-le-2025-02-02-a-09.29.36.jpg?w=696&#038;h=306&#038;ssl=1\" srcset=\"https:\/\/i0.wp.com\/itayachtscanada.com\/wp-content\/uploads\/2025\/02\/Capture-decran-le-2025-02-02-a-09.29.36.jpg?w=2548&amp;ssl=1 2548w, https:\/\/i0.wp.com\/itayachtscanada.com\/wp-content\/uploads\/2025\/02\/Capture-decran-le-2025-02-02-a-09.29.36.jpg?resize=300%2C132&amp;ssl=1 300w, https:\/\/i0.wp.com\/itayachtscanada.com\/wp-content\/uploads\/2025\/02\/Capture-decran-le-2025-02-02-a-09.29.36.jpg?resize=1024%2C450&amp;ssl=1 1024w, https:\/\/i0.wp.com\/itayachtscanada.com\/wp-content\/uploads\/2025\/02\/Capture-decran-le-2025-02-02-a-09.29.36.jpg?resize=768%2C338&amp;ssl=1 768w, https:\/\/i0.wp.com\/itayachtscanada.com\/wp-content\/uploads\/2025\/02\/Capture-decran-le-2025-02-02-a-09.29.36.jpg?resize=1536%2C675&amp;ssl=1 1536w, https:\/\/i0.wp.com\/itayachtscanada.com\/wp-content\/uploads\/2025\/02\/Capture-decran-le-2025-02-02-a-09.29.36.jpg?resize=2048%2C900&amp;ssl=1 2048w, https:\/\/i0.wp.com\/itayachtscanada.com\/wp-content\/uploads\/2025\/02\/Capture-decran-le-2025-02-02-a-09.29.36.jpg?resize=700%2C308&amp;ssl=1 700w, https:\/\/i0.wp.com\/itayachtscanada.com\/wp-content\/uploads\/2025\/02\/Capture-decran-le-2025-02-02-a-09.29.36.jpg?resize=2000%2C879&amp;ssl=1 2000w, https:\/\/i0.wp.com\/itayachtscanada.com\/wp-content\/uploads\/2025\/02\/Capture-decran-le-2025-02-02-a-09.29.36.jpg?resize=910%2C400&amp;ssl=1 910w, https:\/\/i0.wp.com\/itayachtscanada.com\/wp-content\/uploads\/2025\/02\/Capture-decran-le-2025-02-02-a-09.29.36.jpg?w=1400&amp;ssl=1 1400w, https:\/\/i0.wp.com\/itayachtscanada.com\/wp-content\/uploads\/2025\/02\/Capture-decran-le-2025-02-02-a-09.29.36.jpg?w=2100&amp;ssl=1 2100w\" width=\"696\" height=\"306\" loading=\"lazy\" data-original-width=\"696\" data-original-height=\"306\" itemprop=\"http:\/\/schema.org\/image\" title=\"Capture d\u2019e\u0301cran, le 2025-02-02 a\u0300 09.29.36\" alt=\"Capture d\u2019e\u0301cran, le 2025-02-02 a\u0300 09.29.36\" style=\"width: 696px; height: 306px;\" \/> <\/a> <\/div> <\/div> <!-- close group --> <\/div> <!-- close row --> <div class=\"gallery-row\" style=\"width: 700px; height: 336px;\" data-original-width=\"700\" data-original-height=\"336\" > <div class=\"gallery-group images-1\" style=\"width: 700px; height: 336px;\" data-original-width=\"700\" data-original-height=\"336\" > <div class=\"tiled-gallery-item tiled-gallery-item-large\" itemprop=\"associatedMedia\" itemscope itemtype=\"http:\/\/schema.org\/ImageObject\"> <a href=\"https:\/\/itayachtscanada.com\/fr\/listing\/sunseeker-55-manhattan-2021-1800000-usd-for-sale\/capture-decran-le-2025-02-02-a-09-46-29\/\" border=\"0\" itemprop=\"url\"> <meta itemprop=\"width\" content=\"696\"> <meta itemprop=\"height\" content=\"332\"> <img decoding=\"async\" class=\"\" data-attachment-id=\"203032\" data-orig-file=\"https:\/\/itayachtscanada.com\/wp-content\/uploads\/2025\/02\/Capture-decran-le-2025-02-02-a-09.46.29.jpg\" data-orig-size=\"2548,1216\" data-comments-opened=\"1\" data-image-meta=\"{&quot;aperture&quot;:&quot;0&quot;,&quot;credit&quot;:&quot;&quot;,&quot;camera&quot;:&quot;&quot;,&quot;caption&quot;:&quot;&quot;,&quot;created_timestamp&quot;:&quot;0&quot;,&quot;copyright&quot;:&quot;&quot;,&quot;focal_length&quot;:&quot;0&quot;,&quot;iso&quot;:&quot;0&quot;,&quot;shutter_speed&quot;:&quot;0&quot;,&quot;title&quot;:&quot;&quot;,&quot;orientation&quot;:&quot;0&quot;}\" data-image-title=\"Capture d\u2019e\u0301cran, le 2025-02-02 a\u0300 09.46.29\" data-image-description=\"\" data-medium-file=\"https:\/\/i0.wp.com\/itayachtscanada.com\/wp-content\/uploads\/2025\/02\/Capture-decran-le-2025-02-02-a-09.46.29.jpg?fit=300%2C143&#038;ssl=1\" data-large-file=\"https:\/\/i0.wp.com\/itayachtscanada.com\/wp-content\/uploads\/2025\/02\/Capture-decran-le-2025-02-02-a-09.46.29.jpg?fit=700%2C334&#038;ssl=1\" src=\"https:\/\/i0.wp.com\/itayachtscanada.com\/wp-content\/uploads\/2025\/02\/Capture-decran-le-2025-02-02-a-09.46.29.jpg?w=696&#038;h=332&#038;ssl=1\" srcset=\"https:\/\/i0.wp.com\/itayachtscanada.com\/wp-content\/uploads\/2025\/02\/Capture-decran-le-2025-02-02-a-09.46.29.jpg?w=2548&amp;ssl=1 2548w, https:\/\/i0.wp.com\/itayachtscanada.com\/wp-content\/uploads\/2025\/02\/Capture-decran-le-2025-02-02-a-09.46.29.jpg?resize=300%2C143&amp;ssl=1 300w, https:\/\/i0.wp.com\/itayachtscanada.com\/wp-content\/uploads\/2025\/02\/Capture-decran-le-2025-02-02-a-09.46.29.jpg?resize=1024%2C489&amp;ssl=1 1024w, https:\/\/i0.wp.com\/itayachtscanada.com\/wp-content\/uploads\/2025\/02\/Capture-decran-le-2025-02-02-a-09.46.29.jpg?resize=768%2C367&amp;ssl=1 768w, https:\/\/i0.wp.com\/itayachtscanada.com\/wp-content\/uploads\/2025\/02\/Capture-decran-le-2025-02-02-a-09.46.29.jpg?resize=1536%2C733&amp;ssl=1 1536w, https:\/\/i0.wp.com\/itayachtscanada.com\/wp-content\/uploads\/2025\/02\/Capture-decran-le-2025-02-02-a-09.46.29.jpg?resize=2048%2C977&amp;ssl=1 2048w, https:\/\/i0.wp.com\/itayachtscanada.com\/wp-content\/uploads\/2025\/02\/Capture-decran-le-2025-02-02-a-09.46.29.jpg?resize=700%2C334&amp;ssl=1 700w, https:\/\/i0.wp.com\/itayachtscanada.com\/wp-content\/uploads\/2025\/02\/Capture-decran-le-2025-02-02-a-09.46.29.jpg?resize=2000%2C954&amp;ssl=1 2000w, https:\/\/i0.wp.com\/itayachtscanada.com\/wp-content\/uploads\/2025\/02\/Capture-decran-le-2025-02-02-a-09.46.29.jpg?resize=838%2C400&amp;ssl=1 838w, https:\/\/i0.wp.com\/itayachtscanada.com\/wp-content\/uploads\/2025\/02\/Capture-decran-le-2025-02-02-a-09.46.29.jpg?w=1400&amp;ssl=1 1400w, https:\/\/i0.wp.com\/itayachtscanada.com\/wp-content\/uploads\/2025\/02\/Capture-decran-le-2025-02-02-a-09.46.29.jpg?w=2100&amp;ssl=1 2100w\" width=\"696\" height=\"332\" loading=\"lazy\" data-original-width=\"696\" data-original-height=\"332\" itemprop=\"http:\/\/schema.org\/image\" title=\"Capture d\u2019e\u0301cran, le 2025-02-02 a\u0300 09.46.29\" alt=\"Capture d\u2019e\u0301cran, le 2025-02-02 a\u0300 09.46.29\" style=\"width: 696px; height: 332px;\" \/> <\/a> <\/div> <\/div> <!-- close group --> <\/div> <!-- close row --> <div class=\"gallery-row\" style=\"width: 700px; height: 217px;\" data-original-width=\"700\" data-original-height=\"217\" > <div class=\"gallery-group images-1\" style=\"width: 212px; height: 217px;\" data-original-width=\"212\" data-original-height=\"217\" > <div class=\"tiled-gallery-item tiled-gallery-item-small\" itemprop=\"associatedMedia\" itemscope itemtype=\"http:\/\/schema.org\/ImageObject\"> <a href=\"https:\/\/itayachtscanada.com\/fr\/listing\/sunseeker-55-manhattan-2021-1800000-usd-for-sale\/capture-decran-le-2025-02-02-a-09-12-46\/\" border=\"0\" itemprop=\"url\"> <meta itemprop=\"width\" content=\"208\"> <meta itemprop=\"height\" content=\"213\"> <img decoding=\"async\" class=\"\" data-attachment-id=\"203031\" data-orig-file=\"https:\/\/itayachtscanada.com\/wp-content\/uploads\/2025\/02\/Capture-decran-le-2025-02-02-a-09.12.46.jpg\" data-orig-size=\"1280,1306\" data-comments-opened=\"1\" data-image-meta=\"{&quot;aperture&quot;:&quot;0&quot;,&quot;credit&quot;:&quot;&quot;,&quot;camera&quot;:&quot;&quot;,&quot;caption&quot;:&quot;&quot;,&quot;created_timestamp&quot;:&quot;0&quot;,&quot;copyright&quot;:&quot;&quot;,&quot;focal_length&quot;:&quot;0&quot;,&quot;iso&quot;:&quot;0&quot;,&quot;shutter_speed&quot;:&quot;0&quot;,&quot;title&quot;:&quot;&quot;,&quot;orientation&quot;:&quot;0&quot;}\" data-image-title=\"Capture d\u2019e\u0301cran, le 2025-02-02 a\u0300 09.12.46\" data-image-description=\"\" data-medium-file=\"https:\/\/i0.wp.com\/itayachtscanada.com\/wp-content\/uploads\/2025\/02\/Capture-decran-le-2025-02-02-a-09.12.46.jpg?fit=294%2C300&#038;ssl=1\" data-large-file=\"https:\/\/i0.wp.com\/itayachtscanada.com\/wp-content\/uploads\/2025\/02\/Capture-decran-le-2025-02-02-a-09.12.46.jpg?fit=700%2C714&#038;ssl=1\" src=\"https:\/\/i0.wp.com\/itayachtscanada.com\/wp-content\/uploads\/2025\/02\/Capture-decran-le-2025-02-02-a-09.12.46.jpg?w=208&#038;h=213&#038;ssl=1\" srcset=\"https:\/\/i0.wp.com\/itayachtscanada.com\/wp-content\/uploads\/2025\/02\/Capture-decran-le-2025-02-02-a-09.12.46.jpg?w=1280&amp;ssl=1 1280w, https:\/\/i0.wp.com\/itayachtscanada.com\/wp-content\/uploads\/2025\/02\/Capture-decran-le-2025-02-02-a-09.12.46.jpg?resize=294%2C300&amp;ssl=1 294w, https:\/\/i0.wp.com\/itayachtscanada.com\/wp-content\/uploads\/2025\/02\/Capture-decran-le-2025-02-02-a-09.12.46.jpg?resize=1004%2C1024&amp;ssl=1 1004w, https:\/\/i0.wp.com\/itayachtscanada.com\/wp-content\/uploads\/2025\/02\/Capture-decran-le-2025-02-02-a-09.12.46.jpg?resize=768%2C784&amp;ssl=1 768w, https:\/\/i0.wp.com\/itayachtscanada.com\/wp-content\/uploads\/2025\/02\/Capture-decran-le-2025-02-02-a-09.12.46.jpg?resize=60%2C60&amp;ssl=1 60w, https:\/\/i0.wp.com\/itayachtscanada.com\/wp-content\/uploads\/2025\/02\/Capture-decran-le-2025-02-02-a-09.12.46.jpg?resize=700%2C714&amp;ssl=1 700w, https:\/\/i0.wp.com\/itayachtscanada.com\/wp-content\/uploads\/2025\/02\/Capture-decran-le-2025-02-02-a-09.12.46.jpg?resize=392%2C400&amp;ssl=1 392w, https:\/\/i0.wp.com\/itayachtscanada.com\/wp-content\/uploads\/2025\/02\/Capture-decran-le-2025-02-02-a-09.12.46.jpg?resize=50%2C50&amp;ssl=1 50w\" width=\"208\" height=\"213\" loading=\"lazy\" data-original-width=\"208\" data-original-height=\"213\" itemprop=\"http:\/\/schema.org\/image\" title=\"Capture d\u2019e\u0301cran, le 2025-02-02 a\u0300 09.12.46\" alt=\"Capture d\u2019e\u0301cran, le 2025-02-02 a\u0300 09.12.46\" style=\"width: 208px; height: 213px;\" \/> <\/a> <\/div> <\/div> <!-- close group --> <div class=\"gallery-group images-1\" style=\"width: 488px; height: 217px;\" data-original-width=\"488\" data-original-height=\"217\" > <div class=\"tiled-gallery-item tiled-gallery-item-large\" itemprop=\"associatedMedia\" itemscope itemtype=\"http:\/\/schema.org\/ImageObject\"> <a href=\"https:\/\/itayachtscanada.com\/fr\/listing\/sunseeker-55-manhattan-2021-1800000-usd-for-sale\/capture-decran-le-2025-02-02-a-09-32-42\/\" border=\"0\" itemprop=\"url\"> <meta itemprop=\"width\" content=\"484\"> <meta itemprop=\"height\" content=\"213\"> <img decoding=\"async\" class=\"\" data-attachment-id=\"202983\" data-orig-file=\"https:\/\/itayachtscanada.com\/wp-content\/uploads\/2025\/02\/Capture-decran-le-2025-02-02-a-09.32.42.jpg\" data-orig-size=\"2548,1120\" data-comments-opened=\"1\" data-image-meta=\"{&quot;aperture&quot;:&quot;0&quot;,&quot;credit&quot;:&quot;&quot;,&quot;camera&quot;:&quot;&quot;,&quot;caption&quot;:&quot;&quot;,&quot;created_timestamp&quot;:&quot;0&quot;,&quot;copyright&quot;:&quot;&quot;,&quot;focal_length&quot;:&quot;0&quot;,&quot;iso&quot;:&quot;0&quot;,&quot;shutter_speed&quot;:&quot;0&quot;,&quot;title&quot;:&quot;&quot;,&quot;orientation&quot;:&quot;0&quot;}\" data-image-title=\"Capture d\u2019e\u0301cran, le 2025-02-02 a\u0300 09.32.42\" data-image-description=\"\" data-medium-file=\"https:\/\/i0.wp.com\/itayachtscanada.com\/wp-content\/uploads\/2025\/02\/Capture-decran-le-2025-02-02-a-09.32.42.jpg?fit=300%2C132&#038;ssl=1\" data-large-file=\"https:\/\/i0.wp.com\/itayachtscanada.com\/wp-content\/uploads\/2025\/02\/Capture-decran-le-2025-02-02-a-09.32.42.jpg?fit=700%2C308&#038;ssl=1\" src=\"https:\/\/i0.wp.com\/itayachtscanada.com\/wp-content\/uploads\/2025\/02\/Capture-decran-le-2025-02-02-a-09.32.42.jpg?w=484&#038;h=213&#038;ssl=1\" srcset=\"https:\/\/i0.wp.com\/itayachtscanada.com\/wp-content\/uploads\/2025\/02\/Capture-decran-le-2025-02-02-a-09.32.42.jpg?w=2548&amp;ssl=1 2548w, https:\/\/i0.wp.com\/itayachtscanada.com\/wp-content\/uploads\/2025\/02\/Capture-decran-le-2025-02-02-a-09.32.42.jpg?resize=300%2C132&amp;ssl=1 300w, https:\/\/i0.wp.com\/itayachtscanada.com\/wp-content\/uploads\/2025\/02\/Capture-decran-le-2025-02-02-a-09.32.42.jpg?resize=1024%2C450&amp;ssl=1 1024w, https:\/\/i0.wp.com\/itayachtscanada.com\/wp-content\/uploads\/2025\/02\/Capture-decran-le-2025-02-02-a-09.32.42.jpg?resize=768%2C338&amp;ssl=1 768w, https:\/\/i0.wp.com\/itayachtscanada.com\/wp-content\/uploads\/2025\/02\/Capture-decran-le-2025-02-02-a-09.32.42.jpg?resize=1536%2C675&amp;ssl=1 1536w, https:\/\/i0.wp.com\/itayachtscanada.com\/wp-content\/uploads\/2025\/02\/Capture-decran-le-2025-02-02-a-09.32.42.jpg?resize=2048%2C900&amp;ssl=1 2048w, https:\/\/i0.wp.com\/itayachtscanada.com\/wp-content\/uploads\/2025\/02\/Capture-decran-le-2025-02-02-a-09.32.42.jpg?resize=700%2C308&amp;ssl=1 700w, https:\/\/i0.wp.com\/itayachtscanada.com\/wp-content\/uploads\/2025\/02\/Capture-decran-le-2025-02-02-a-09.32.42.jpg?resize=2000%2C879&amp;ssl=1 2000w, https:\/\/i0.wp.com\/itayachtscanada.com\/wp-content\/uploads\/2025\/02\/Capture-decran-le-2025-02-02-a-09.32.42.jpg?resize=910%2C400&amp;ssl=1 910w, https:\/\/i0.wp.com\/itayachtscanada.com\/wp-content\/uploads\/2025\/02\/Capture-decran-le-2025-02-02-a-09.32.42.jpg?w=1400&amp;ssl=1 1400w, https:\/\/i0.wp.com\/itayachtscanada.com\/wp-content\/uploads\/2025\/02\/Capture-decran-le-2025-02-02-a-09.32.42.jpg?w=2100&amp;ssl=1 2100w\" width=\"484\" height=\"213\" loading=\"lazy\" data-original-width=\"484\" data-original-height=\"213\" itemprop=\"http:\/\/schema.org\/image\" title=\"Capture d\u2019e\u0301cran, le 2025-02-02 a\u0300 09.32.42\" alt=\"Capture d\u2019e\u0301cran, le 2025-02-02 a\u0300 09.32.42\" style=\"width: 484px; height: 213px;\" \/> <\/a> <\/div> <\/div> <!-- close group --> <\/div> <!-- close row --> <div class=\"gallery-row\" style=\"width: 700px; height: 310px;\" data-original-width=\"700\" data-original-height=\"310\" > <div class=\"gallery-group images-1\" style=\"width: 700px; height: 310px;\" data-original-width=\"700\" data-original-height=\"310\" > <div class=\"tiled-gallery-item tiled-gallery-item-large\" itemprop=\"associatedMedia\" itemscope itemtype=\"http:\/\/schema.org\/ImageObject\"> <a href=\"https:\/\/itayachtscanada.com\/fr\/listing\/sunseeker-55-manhattan-2021-1800000-usd-for-sale\/capture-decran-le-2025-02-02-a-09-32-48\/\" border=\"0\" itemprop=\"url\"> <meta itemprop=\"width\" content=\"696\"> <meta itemprop=\"height\" content=\"306\"> <img decoding=\"async\" class=\"\" data-attachment-id=\"202982\" data-orig-file=\"https:\/\/itayachtscanada.com\/wp-content\/uploads\/2025\/02\/Capture-decran-le-2025-02-02-a-09.32.48.jpg\" data-orig-size=\"2548,1120\" data-comments-opened=\"1\" data-image-meta=\"{&quot;aperture&quot;:&quot;0&quot;,&quot;credit&quot;:&quot;&quot;,&quot;camera&quot;:&quot;&quot;,&quot;caption&quot;:&quot;&quot;,&quot;created_timestamp&quot;:&quot;0&quot;,&quot;copyright&quot;:&quot;&quot;,&quot;focal_length&quot;:&quot;0&quot;,&quot;iso&quot;:&quot;0&quot;,&quot;shutter_speed&quot;:&quot;0&quot;,&quot;title&quot;:&quot;&quot;,&quot;orientation&quot;:&quot;0&quot;}\" data-image-title=\"Capture d\u2019e\u0301cran, le 2025-02-02 a\u0300 09.32.48\" data-image-description=\"\" data-medium-file=\"https:\/\/i0.wp.com\/itayachtscanada.com\/wp-content\/uploads\/2025\/02\/Capture-decran-le-2025-02-02-a-09.32.48.jpg?fit=300%2C132&#038;ssl=1\" data-large-file=\"https:\/\/i0.wp.com\/itayachtscanada.com\/wp-content\/uploads\/2025\/02\/Capture-decran-le-2025-02-02-a-09.32.48.jpg?fit=700%2C308&#038;ssl=1\" src=\"https:\/\/i0.wp.com\/itayachtscanada.com\/wp-content\/uploads\/2025\/02\/Capture-decran-le-2025-02-02-a-09.32.48.jpg?w=696&#038;h=306&#038;ssl=1\" srcset=\"https:\/\/i0.wp.com\/itayachtscanada.com\/wp-content\/uploads\/2025\/02\/Capture-decran-le-2025-02-02-a-09.32.48.jpg?w=2548&amp;ssl=1 2548w, https:\/\/i0.wp.com\/itayachtscanada.com\/wp-content\/uploads\/2025\/02\/Capture-decran-le-2025-02-02-a-09.32.48.jpg?resize=300%2C132&amp;ssl=1 300w, https:\/\/i0.wp.com\/itayachtscanada.com\/wp-content\/uploads\/2025\/02\/Capture-decran-le-2025-02-02-a-09.32.48.jpg?resize=1024%2C450&amp;ssl=1 1024w, https:\/\/i0.wp.com\/itayachtscanada.com\/wp-content\/uploads\/2025\/02\/Capture-decran-le-2025-02-02-a-09.32.48.jpg?resize=768%2C338&amp;ssl=1 768w, https:\/\/i0.wp.com\/itayachtscanada.com\/wp-content\/uploads\/2025\/02\/Capture-decran-le-2025-02-02-a-09.32.48.jpg?resize=1536%2C675&amp;ssl=1 1536w, https:\/\/i0.wp.com\/itayachtscanada.com\/wp-content\/uploads\/2025\/02\/Capture-decran-le-2025-02-02-a-09.32.48.jpg?resize=2048%2C900&amp;ssl=1 2048w, https:\/\/i0.wp.com\/itayachtscanada.com\/wp-content\/uploads\/2025\/02\/Capture-decran-le-2025-02-02-a-09.32.48.jpg?resize=700%2C308&amp;ssl=1 700w, https:\/\/i0.wp.com\/itayachtscanada.com\/wp-content\/uploads\/2025\/02\/Capture-decran-le-2025-02-02-a-09.32.48.jpg?resize=2000%2C879&amp;ssl=1 2000w, https:\/\/i0.wp.com\/itayachtscanada.com\/wp-content\/uploads\/2025\/02\/Capture-decran-le-2025-02-02-a-09.32.48.jpg?resize=910%2C400&amp;ssl=1 910w, https:\/\/i0.wp.com\/itayachtscanada.com\/wp-content\/uploads\/2025\/02\/Capture-decran-le-2025-02-02-a-09.32.48.jpg?w=1400&amp;ssl=1 1400w, https:\/\/i0.wp.com\/itayachtscanada.com\/wp-content\/uploads\/2025\/02\/Capture-decran-le-2025-02-02-a-09.32.48.jpg?w=2100&amp;ssl=1 2100w\" width=\"696\" height=\"306\" loading=\"lazy\" data-original-width=\"696\" data-original-height=\"306\" itemprop=\"http:\/\/schema.org\/image\" title=\"Capture d\u2019e\u0301cran, le 2025-02-02 a\u0300 09.32.48\" alt=\"Capture d\u2019e\u0301cran, le 2025-02-02 a\u0300 09.32.48\" style=\"width: 696px; height: 306px;\" \/> <\/a> <\/div> <\/div> <!-- close group --> <\/div> <!-- close row --> <\/div>\n<div class=\"jetpack-video-wrapper\"><span class=\"embed-youtube\" style=\"text-align:center; display: block;\"><iframe loading=\"lazy\" class=\"youtube-player\" width=\"700\" height=\"394\" src=\"https:\/\/www.youtube.com\/embed\/iGWu-SxdeTo?version=3&#038;rel=1&#038;showsearch=0&#038;showinfo=1&#038;iv_load_policy=1&#038;fs=1&#038;hl=fr-FR&#038;autohide=2&#038;wmode=transparent\" allowfullscreen=\"true\" style=\"border:0;\" sandbox=\"allow-scripts allow-same-origin allow-popups allow-presentation allow-popups-to-escape-sandbox\"><\/iframe><\/span><\/div>\n<div class=\"jetpack-video-wrapper\"><span class=\"embed-youtube\" style=\"text-align:center; display: block;\"><iframe loading=\"lazy\" class=\"youtube-player\" width=\"700\" height=\"394\" src=\"https:\/\/www.youtube.com\/embed\/jLOJ5ZVIGmk?version=3&#038;rel=1&#038;showsearch=0&#038;showinfo=1&#038;iv_load_policy=1&#038;fs=1&#038;hl=fr-FR&#038;autohide=2&#038;wmode=transparent\" allowfullscreen=\"true\" style=\"border:0;\" sandbox=\"allow-scripts allow-same-origin allow-popups allow-presentation allow-popups-to-escape-sandbox\"><\/iframe><\/span><\/div>\n<div class=\"jetpack-video-wrapper\"><span class=\"embed-youtube\" style=\"text-align:center; display: block;\"><iframe loading=\"lazy\" class=\"youtube-player\" width=\"700\" height=\"394\" src=\"https:\/\/www.youtube.com\/embed\/k7gpmr90Sb0?version=3&#038;rel=1&#038;showsearch=0&#038;showinfo=1&#038;iv_load_policy=1&#038;fs=1&#038;hl=fr-FR&#038;autohide=2&#038;wmode=transparent\" allowfullscreen=\"true\" style=\"border:0;\" sandbox=\"allow-scripts allow-same-origin allow-popups allow-presentation allow-popups-to-escape-sandbox\"><\/iframe><\/span><\/div>\n<p><strong>\u00a0<\/strong><\/p>\n<p>&nbsp;<\/p>\n<p><strong>Ita Yachts Canada propose de vous assister et de voir \u00e0 vos int\u00e9r\u00eats pour l\u2019achat de ce yacht qui est \u00e0 vendre par une autre organisation. Nous serons pr\u00e9sents lors de l\u2019inspection et tout au long de la transaction et ce peu importe sa localisation. L\u2019\u00e9quipe d\u2019Ita Yachts Canada se soumet au plus haut standard d\u2019\u00e9thique.<\/strong><\/p>\n<p>&nbsp;<\/p>\n<p><strong><span style=\"color: black;\">AVIS DE NON-RESPONSABILIT\u00c9<\/span><\/strong><\/p>\n<p><strong><span style=\"color: black; font-weight: normal;\">Le bateau qui est pr\u00e9sent\u00e9 sur cette page, l\u2019est uniquement \u00e0 titre d\u2019information et n\u2019est pas n\u00e9cessairement toujours disponible \u00e0 la vente et\/ou \u00e0 la location.<\/span><\/strong><span class=\"apple-converted-space\"><b><span style=\"color: black;\">\u00a0<\/span><\/b><\/span><strong><span style=\"color: black; font-weight: normal;\">Ce bateau est peut-\u00eatre offert sous r\u00e9serve, il faut v\u00e9rifier sa disponibilit\u00e9.<\/span><\/strong><span class=\"apple-converted-space\"><b><span style=\"color: black;\">\u00a0<\/span><\/b><\/span><strong><span style=\"color: black; font-weight: normal;\">\u00a0Ce document ou cette annonce n\u2019est pas contractuel. Les informations sur les bateaux affich\u00e9es dans les r\u00e9sultats ci-dessus sont pr\u00e9sent\u00e9es en toute bonne foi et, bien qu\u2019elles soient consid\u00e9r\u00e9es comme correctes, elles ne sont pas garanties. Ita Yachts Canada ne garantit pas et n\u2019assume aucune responsabilit\u00e9 l\u00e9gale ou responsabilit\u00e9 pour l\u2019exactitude, l\u2019exhaustivit\u00e9 ou l\u2019utilit\u00e9 des informations et\/ou des images affich\u00e9es, car elles peuvent ne pas \u00eatre \u00e0 jour ou encore \u00eatres des images d\u2019un bateau comparable. Toutes les informations sur les bateaux peuvent \u00eatre modifi\u00e9es sans pr\u00e9avis et sont sans garantie.<\/span><\/strong><span class=\"apple-converted-space\"><b><span style=\"color: black;\">\u00a0<\/span><\/b><\/span><strong><span style=\"color: black; font-weight: normal;\">Ce bateau est peut-\u00eatre offert par un autre courtier ouvert au co-courtage (co-brokerage).<\/span><\/strong><\/p>\n<p>&nbsp;<\/p>\n<div data-test='contact-form'\n\t\t\tid='contact-form-202979'\n\t\t\tclass='jetpack-contact-form-container '\n\t\t\tdata-wp-interactive='jetpack\/form' data-wp-context='{\"formId\":\"202979\",\"formHash\":\"ea4a5f1fec38b0f735bcc857d6b7b6f2e49a76fa\",\"showErrors\":false,\"errors\":[],\"fields\":[],\"isMultiStep\":false,\"useAjax\":false,\"submissionData\":null,\"formattedSubmissionData\":[],\"submissionSuccess\":false,\"submissionError\":null,\"elementId\":\"jp-form-ea4a5f1fec38b0f735bcc857d6b7b6f2e49a76fa\",\"isSingleInputForm\":false,\"isForcedHorizontal\":false}'\n\t\t\tdata-wp-watch--scroll-to-wrapper=\"callbacks.scrollToWrapper\"\n\t\t>\n<div class=\"contact-form-submission contact-form-ajax-submission\" data-wp-bind--aria-hidden=\"state.isSuccessMessageAriaHidden\" data-wp-class--submission-success=\"context.submissionSuccess\" id=\"contact-form-success-ea4a5f1fec38b0f735bcc857d6b7b6f2e49a76fa\" tabindex=\"-1\" aria-labelledby=\"contact-form-success-header-ea4a5f1fec38b0f735bcc857d6b7b6f2e49a76fa\"><p class=\"go-back-message\"><a class=\"link\" role=\"button\" tabindex=\"0\" data-wp-on--click=\"actions.goBack\" href=\"\/fr\/wp-json\/wp\/v2\/listing\/202979\">\u2190 Retour<\/a><\/p><h4 data-wp-bind--aria-hidden=\"state.isSuccessMessageAriaHidden\" id=\"contact-form-success-header-ea4a5f1fec38b0f735bcc857d6b7b6f2e49a76fa\">Merci pour votre r\u00e9ponse. \u2728<\/h4>\n\n<template data-wp-each--submission=\"context.formattedSubmissionData\">\n\t\t\t\t\t<div class=\"jetpack_forms_contact-form-success-summary\">\n\t\t\t\t\t\t<div class=\"field-name-wrapper\">\n\t\t\t\t\t\t\t<div class=\"field-type-icon\" data-wp-watch=\"callbacks.watchFieldTypeIcon\"><\/div>\n\t\t\t\t\t\t\t<div class=\"field-name\" data-wp-text=\"context.submission.label\" data-wp-bind--hidden=\"!context.submission.label\"><\/div>\n\t\t\t\t\t\t<\/div>\n\t\t\t\t\t\t<div class=\"field-value\" data-wp-text=\"context.submission.value\" data-wp-bind--hidden=\"!context.submission.showPlainValue\"><\/div>\n\t\t\t\t\t\t<a class=\"field-url\" data-wp-bind--href=\"context.submission.url\" data-wp-text=\"context.submission.value\" data-wp-bind--hidden=\"!context.submission.url\" target=\"_blank\" rel=\"noopener noreferrer\"><\/a>\n\t\t\t\t\t\t<div class=\"field-rating\" data-wp-bind--hidden=\"!context.submission.rating\" data-wp-watch=\"callbacks.watchRatingIcons\"><\/div>\n\t\t\t\t\t\t<div class=\"field-images\" data-wp-bind--hidden=\"!context.submission.images\">\n\t\t\t\t\t\t\t<template data-wp-each--image=\"context.submission.images\">\n\t\t\t\t\t\t\t\t<div class=\"field-image-option\" data-wp-class--is-empty=\"!context.image.src\">\n\t\t\t\t\t\t\t\t\t<figure class=\"field-image-option__image\" data-wp-class--is-empty=\"!context.image.src\">\n\t\t\t\t\t\t\t\t\t\t<img data-wp-bind--src=\"context.image.src\" data-wp-bind--hidden=\"!context.image.src\" \/>\n\t\t\t\t\t\t\t\t\t\t<img decoding=\"async\" src=\"data:image\/gif;base64,R0lGODlhAQABAAD\/ACwAAAAAAQABAAACADs=\" data-wp-bind--hidden=\"context.image.src\" \/>\n\t\t\t\t\t\t\t\t\t<\/figure>\n\t\t\t\t\t\t\t\t\t<div class=\"field-image-option__label-wrapper\">\n\t\t\t\t\t\t\t\t\t\t<span class=\"field-image-option__label-code\" data-wp-text=\"context.image.letterCode\"><\/span>\n\t\t\t\t\t\t\t\t\t\t<span class=\"field-image-option__label\" data-wp-text=\"context.image.label\" data-wp-bind--hidden=\"!context.image.label\"><\/span>\n\t\t\t\t\t\t\t\t\t<\/div>\n\t\t\t\t\t\t\t\t<\/div>\n\t\t\t\t\t\t\t<\/template>\n\t\t\t\t\t\t<\/div>\n\t\t\t\t\t\t<div class=\"field-files\" data-wp-bind--hidden=\"!context.submission.files\">\n\t\t\t\t\t\t\t<template data-wp-each--file=\"context.submission.files\">\n\t\t\t\t\t\t\t\t<div class=\"field-file\">\n\t\t\t\t\t\t\t\t\t<div class=\"field-file__thumbnail\" data-wp-style--background-image=\"context.file.previewUrl\" data-wp-style--mask-image=\"context.file.iconUrl\" data-wp-bind--hidden=\"!context.file.hasPreview\"><\/div>\n\t\t\t\t\t\t\t\t\t<svg class=\"field-file__icon\" data-wp-bind--hidden=\"context.file.hasPreview\" width=\"20\" height=\"20\" viewBox=\"0 0 24 24\" fill=\"none\" xmlns=\"http:\/\/www.w3.org\/2000\/svg\" aria-hidden=\"true\">\n\t\t\t\t\t\t\t\t\t\t<path d=\"M14 2H6C4.9 2 4 2.9 4 4V20C4 21.1 4.89 22 5.99 22H18C19.1 22 20 21.1 20 20V8L14 2ZM18 20H6V4H13V9H18V20Z\" fill=\"currentColor\"\/>\n\t\t\t\t\t\t\t\t\t<\/svg>\n\t\t\t\t\t\t\t\t\t<span class=\"field-file__name\" data-wp-text=\"context.file.name\"><\/span>\n\t\t\t\t\t\t\t\t\t<span class=\"field-file__size\" data-wp-text=\"context.file.size\"><\/span>\n\t\t\t\t\t\t\t\t<\/div>\n\t\t\t\t\t\t\t<\/template>\n\t\t\t\t\t\t<\/div>\n\t\t\t\t\t<\/div>\n\t\t\t\t<\/template><\/div><form action='https:\/\/itayachtscanada.com\/fr\/listing\/sunseeker-55-manhattan-2021-1800000-usd-for-sale\/'\n\t\t\t\tid='jp-form-ea4a5f1fec38b0f735bcc857d6b7b6f2e49a76fa'\n\t\t\t\tmethod='post'\n\t\t\t\tclass='contact-form commentsblock jetpack-contact-form__form has-no-jetpack-form-layout' aria-label=\"{:en}Sunseeker 55 Manhattan 2021 $1,350,000 usd for sale{:}{:fr}Sunseeker 55 Manhattan 2021 $1,350,000 usd \u00e0 vendre{:}\"\n\t\t\t\tdata-wp-on--submit=\"actions.onFormSubmit\"\n\t\t\t\tdata-wp-on--reset=\"actions.onFormReset\"\n\t\t\t\tdata-wp-class--submission-success=\"context.submissionSuccess\"\n\t\t\t\tdata-wp-class--is-first-step=\"state.isFirstStep\"\n\t\t\t\tdata-wp-class--is-last-step=\"state.isLastStep\"\n\t\t\t\tdata-wp-class--is-ajax-form=\"context.useAjax\"\n\t\t\t\tnovalidate >\n<input type='hidden' name='jetpack_contact_form_jwt' value='eyJ0eXAiOiJKV1QiLCJhbGciOiJIUzI1NiJ9.eyJlbmNyeXB0ZWRfYXR0cmlidXRlcyI6IngxalBDc3Y3MzFlaVZiNGpodmREZC9SWWk4S0VOK3h0T00rRTJLVmJGQmtPOU4za1hNcVJBMnVaekpuOU00eHlmemNnazU4YkxkWmw4TXlOV0JCZ0ZPc2pNVnl0UXYrTjdiaThiY0g4TThxekgvOWFKNXBSVXlTSnNNZ1ZXeXlETExMcXh3K085dTJ1U3NnWXlKdWMvSS8yeFh6RFQ5eWpGVEV0a1huOTlFT3ZoV1NwZ0t3dXlSQmtsSUo5QmlSbXlhMEZTZWJkYkhhNnM3YkJZc0ozdnFXZUpjRFdxSkJVYWhDdHE0NGpQTU1wTWZRZG52b3RGaUdkS1I3UTBYY0M1c0lHVFUrRElVVTI5L0pacjhIdG56b0ZnYkg5emNzbm1qSFV2dGh2Y21GcFFYNnNqaFgzVDkwcXdNTElpOGN4MVVsOUQvUFo5SlpOR0FDc0EwMUlqZlYwZUlkSjBrR0NIbVl0UDFsd2RIZW1adWxNdGg5dDZqRU01YzNEU05ON2drTzBaZUw2N3VROG5MYzJLbHNFejRNbzlzemdmT3cvRCtreW1ScmgzQTlsRW5nbGFXbmJOOVVDdmlJdHQ1VXhxNkllOWhGdlQrbmJocFRzTERCK3h6akdFbVFUV25IeEhjbVVBdmY1VWRjRVN3cjFtaGRiMGk1cEFmUkMveEMwYjNrL2QxQUpJK1EzQXZxdFl4clo4bFI1YWxKUTlCYU1TUU10M1c0ZWx0eE83RStVNEdEb0NJYitMTnI1QmUyQWVDUDZmUXlrSkhGMXFpcGNSNHJsTmhTdjhwU0dheldPZmNVR2YySStSRkdFWFdsVGNrS0pKY1dNL2hVQnNTNlRiMEUwMHgxL0c3Y1krZGNpcXVEcGtqaU9sUk13Nm96OExXUGU4cklIemJNaXFxQnZyOGU0VUtpc0RkMk5vY1JxeExYWlVjcHRMZjdiay9MdUJQNTlBVHAxTHVGcUlGeFRPOFdjd1lOaVNRM09aSm5jVTNVSDdCcFREWFBuaU02MGxtVUFzc2xTaHVKODBQNmVqbjJ4ejVzaWtqZmdyNlh5ZGxYRUMzRHdKVm1YQzFiejc5WUMwaXlTLy9pbjFMNTdMVVovWHJBVFR1MVJvVTZVeDFYRkphQ0hyc01xblVWNkZGUy9MZTNNUU16eGtLSldjWjdtZHp0QWliaGdKbHk1ZTJTQkptYTdhd0puTjA0aTR6eVhKeTRnMFR6NFN5WG9WUjZVWWl1TzFOMDlLZlZyZWdXZCIsImNvbnRlbnQiOiJbY29udGFjdC1maWVsZCBsYWJlbD1cIk5vbTpcIiB0eXBlPVwibmFtZVwiIHJlcXVpcmVkPVwiMVwiXVtjb250YWN0LWZpZWxkIGxhYmVsPVwiRS1tYWlsXCIgdHlwZT1cImVtYWlsXCIgcmVxdWlyZWQ9XCIxXCJdW2NvbnRhY3QtZmllbGQgbGFiZWw9XCJBdSBzdWpldCBkZSBjZSBTdW5zZWVrZXIgTWFuaGF0dGFuIDU1XCIgdHlwZT1cInRleHRcIl1bY29udGFjdC1maWVsZCBsYWJlbD1cIk1lc3NhZ2VcIiB0eXBlPVwidGV4dGFyZWFcIl0iLCJoYXNoIjoiZWE0YTVmMWZlYzM4YjBmNzM1YmNjODU3ZDZiN2I2ZjJlNDlhNzZmYSIsInNvdXJjZSI6eyJlbnRyeV90aXRsZSI6IlN1bnNlZWtlciA1NSBNYW5oYXR0YW4gMjAyMSAkMSwzNTAsMDAwIHVzZCBcdTAwZTAgdmVuZHJlIiwiZW50cnlfcGFnZSI6MSwic291cmNlX2lkIjoyMDI5NzksInNvdXJjZV90eXBlIjoic2luZ2xlIiwicmVxdWVzdF91cmwiOiJodHRwczovL2l0YXlhY2h0c2NhbmFkYS5jb20vZnIvd3AtanNvbi93cC92Mi9saXN0aW5nLzIwMjk3OSJ9LCJ2ZXJzaW9uIjoyLCJjaXBoZXIiOiJhZXMtMjU2LWdjbSJ9.ydzi13fuB9FLOeZFclWVKx28YGybxc0EEZWDs5vS40Q' \/>\n\n<div style=\"\"  data-wp-interactive=\"jetpack\/form\" data-wp-context='{\"fieldId\":\"g202979-nom\",\"fieldType\":\"name\",\"fieldLabel\":\"Nom:\",\"fieldValue\":\"\",\"fieldPlaceholder\":\"\",\"fieldIsRequired\":\"1\",\"fieldErrorMessage\":\"\",\"fieldExtra\":[],\"formHash\":\"ea4a5f1fec38b0f735bcc857d6b7b6f2e49a76fa\"}'  class='grunion-field-name-wrap grunion-field-wrap'  data-wp-init='callbacks.initializeField' data-wp-on--jetpack-form-reset='callbacks.initializeField' >\n<label\n\t\t\t\tfor='g202979-nom' class=\"grunion-field-label name\" >Nom:<span class=\"grunion-label-required\" aria-hidden=\"true\">(obligatoire)<\/span><\/label>\n<input\n\t\t\t\t\ttype='text'\n\t\t\t\t\tname='g202979-nom'\n\t\t\t\t\tid='g202979-nom'\n\t\t\t\t\tvalue=''\n\n\t\t\t\t\tdata-wp-bind--aria-invalid='state.fieldAriaInvalid'\n\t\t\t\t\tdata-wp-bind--value='state.getFieldValue'\n\t\t\t\t\taria-describedby='g202979-nom-text-error-message'\n\t\t\t\t\tdata-wp-on--input='actions.onFieldChange'\n\t\t\t\t\tdata-wp-on--blur='actions.onFieldBlur'\n\t\t\t\t\tdata-wp-class--has-value='state.hasFieldValue'\n\n\t\t\t\t\tclass='name  grunion-field' \n\t\t\t\t\trequired='true' aria-required='true'  \/>\n \n\t\t\t<div id=\"g202979-nom-text-error\" class=\"contact-form__input-error\" data-wp-class--has-errors=\"state.fieldHasErrors\">\n\t\t\t\t<span class=\"contact-form__warning-icon\" aria-hidden=\"true\">\n\t\t\t\t\t<svg width=\"16\" height=\"16\" viewBox=\"0 0 16 16\" fill=\"none\" xmlns=\"http:\/\/www.w3.org\/2000\/svg\">\n\t\t\t\t\t\t<path d=\"M8.50015 11.6402H7.50015V10.6402H8.50015V11.6402Z\" \/>\n\t\t\t\t\t\t<path d=\"M7.50015 9.64018H8.50015V6.30684H7.50015V9.64018Z\" \/>\n\t\t\t\t\t\t<path fill-rule=\"evenodd\" clip-rule=\"evenodd\" d=\"M6.98331 3.0947C7.42933 2.30177 8.57096 2.30177 9.01698 3.09469L13.8771 11.7349C14.3145 12.5126 13.7525 13.4735 12.8602 13.4735H3.14004C2.24774 13.4735 1.68575 12.5126 2.12321 11.7349L6.98331 3.0947ZM8.14541 3.58496C8.08169 3.47168 7.9186 3.47168 7.85488 3.58496L2.99478 12.2251C2.93229 12.3362 3.01257 12.4735 3.14004 12.4735H12.8602C12.9877 12.4735 13.068 12.3362 13.0055 12.2251L8.14541 3.58496Z\" \/>\n\t\t\t\t\t<\/svg>\n\t\t\t\t<\/span>\n\t\t\t\t<span data-wp-text=\"state.errorMessage\" id=\"g202979-nom-text-error-message\"><\/span>\n\t\t\t<\/div> \n\t<\/div>\n\n<div style=\"\"  data-wp-interactive=\"jetpack\/form\" data-wp-context='{\"fieldId\":\"g202979-email\",\"fieldType\":\"email\",\"fieldLabel\":\"E-mail\",\"fieldValue\":\"\",\"fieldPlaceholder\":\"\",\"fieldIsRequired\":\"1\",\"fieldErrorMessage\":\"\",\"fieldExtra\":[],\"formHash\":\"ea4a5f1fec38b0f735bcc857d6b7b6f2e49a76fa\"}'  class='grunion-field-email-wrap grunion-field-wrap'  data-wp-init='callbacks.initializeField' data-wp-on--jetpack-form-reset='callbacks.initializeField' >\n<label\n\t\t\t\tfor='g202979-email' class=\"grunion-field-label email\" >E-mail<span class=\"grunion-label-required\" aria-hidden=\"true\">(obligatoire)<\/span><\/label>\n<input\n\t\t\t\t\ttype='email'\n\t\t\t\t\tname='g202979-email'\n\t\t\t\t\tid='g202979-email'\n\t\t\t\t\tvalue=''\n\n\t\t\t\t\tdata-wp-bind--aria-invalid='state.fieldAriaInvalid'\n\t\t\t\t\tdata-wp-bind--value='state.getFieldValue'\n\t\t\t\t\taria-describedby='g202979-email-email-error-message'\n\t\t\t\t\tdata-wp-on--input='actions.onFieldChange'\n\t\t\t\t\tdata-wp-on--blur='actions.onFieldBlur'\n\t\t\t\t\tdata-wp-class--has-value='state.hasFieldValue'\n\n\t\t\t\t\tclass='email  grunion-field' \n\t\t\t\t\trequired='true' aria-required='true'  \/>\n \n\t\t\t<div id=\"g202979-email-email-error\" class=\"contact-form__input-error\" data-wp-class--has-errors=\"state.fieldHasErrors\">\n\t\t\t\t<span class=\"contact-form__warning-icon\" aria-hidden=\"true\">\n\t\t\t\t\t<svg width=\"16\" height=\"16\" viewBox=\"0 0 16 16\" fill=\"none\" xmlns=\"http:\/\/www.w3.org\/2000\/svg\">\n\t\t\t\t\t\t<path d=\"M8.50015 11.6402H7.50015V10.6402H8.50015V11.6402Z\" \/>\n\t\t\t\t\t\t<path d=\"M7.50015 9.64018H8.50015V6.30684H7.50015V9.64018Z\" \/>\n\t\t\t\t\t\t<path fill-rule=\"evenodd\" clip-rule=\"evenodd\" d=\"M6.98331 3.0947C7.42933 2.30177 8.57096 2.30177 9.01698 3.09469L13.8771 11.7349C14.3145 12.5126 13.7525 13.4735 12.8602 13.4735H3.14004C2.24774 13.4735 1.68575 12.5126 2.12321 11.7349L6.98331 3.0947ZM8.14541 3.58496C8.08169 3.47168 7.9186 3.47168 7.85488 3.58496L2.99478 12.2251C2.93229 12.3362 3.01257 12.4735 3.14004 12.4735H12.8602C12.9877 12.4735 13.068 12.3362 13.0055 12.2251L8.14541 3.58496Z\" \/>\n\t\t\t\t\t<\/svg>\n\t\t\t\t<\/span>\n\t\t\t\t<span data-wp-text=\"state.errorMessage\" id=\"g202979-email-email-error-message\"><\/span>\n\t\t\t<\/div> \n\t<\/div>\n\n<div style=\"\"  data-wp-interactive=\"jetpack\/form\" data-wp-context='{\"fieldId\":\"g202979-ausujetdecesunseekermanhattan55\",\"fieldType\":\"text\",\"fieldLabel\":\"Au sujet de ce Sunseeker Manhattan 55\",\"fieldValue\":\"\",\"fieldPlaceholder\":\"\",\"fieldIsRequired\":\"\",\"fieldErrorMessage\":\"\",\"fieldExtra\":[],\"formHash\":\"ea4a5f1fec38b0f735bcc857d6b7b6f2e49a76fa\"}'  class='grunion-field-text-wrap grunion-field-wrap'  data-wp-init='callbacks.initializeField' data-wp-on--jetpack-form-reset='callbacks.initializeField' >\n<label\n\t\t\t\tfor='g202979-ausujetdecesunseekermanhattan55' class=\"grunion-field-label text\" >Au sujet de ce Sunseeker Manhattan 55<\/label>\n<input\n\t\t\t\t\ttype='text'\n\t\t\t\t\tname='g202979-ausujetdecesunseekermanhattan55'\n\t\t\t\t\tid='g202979-ausujetdecesunseekermanhattan55'\n\t\t\t\t\tvalue=''\n\n\t\t\t\t\tdata-wp-bind--aria-invalid='state.fieldAriaInvalid'\n\t\t\t\t\tdata-wp-bind--value='state.getFieldValue'\n\t\t\t\t\taria-describedby='g202979-ausujetdecesunseekermanhattan55-text-error-message'\n\t\t\t\t\tdata-wp-on--input='actions.onFieldChange'\n\t\t\t\t\tdata-wp-on--blur='actions.onFieldBlur'\n\t\t\t\t\tdata-wp-class--has-value='state.hasFieldValue'\n\n\t\t\t\t\tclass='text  grunion-field' \n\t\t\t\t\t \/>\n \n\t\t\t<div id=\"g202979-ausujetdecesunseekermanhattan55-text-error\" class=\"contact-form__input-error\" data-wp-class--has-errors=\"state.fieldHasErrors\">\n\t\t\t\t<span class=\"contact-form__warning-icon\" aria-hidden=\"true\">\n\t\t\t\t\t<svg width=\"16\" height=\"16\" viewBox=\"0 0 16 16\" fill=\"none\" xmlns=\"http:\/\/www.w3.org\/2000\/svg\">\n\t\t\t\t\t\t<path d=\"M8.50015 11.6402H7.50015V10.6402H8.50015V11.6402Z\" \/>\n\t\t\t\t\t\t<path d=\"M7.50015 9.64018H8.50015V6.30684H7.50015V9.64018Z\" \/>\n\t\t\t\t\t\t<path fill-rule=\"evenodd\" clip-rule=\"evenodd\" d=\"M6.98331 3.0947C7.42933 2.30177 8.57096 2.30177 9.01698 3.09469L13.8771 11.7349C14.3145 12.5126 13.7525 13.4735 12.8602 13.4735H3.14004C2.24774 13.4735 1.68575 12.5126 2.12321 11.7349L6.98331 3.0947ZM8.14541 3.58496C8.08169 3.47168 7.9186 3.47168 7.85488 3.58496L2.99478 12.2251C2.93229 12.3362 3.01257 12.4735 3.14004 12.4735H12.8602C12.9877 12.4735 13.068 12.3362 13.0055 12.2251L8.14541 3.58496Z\" \/>\n\t\t\t\t\t<\/svg>\n\t\t\t\t<\/span>\n\t\t\t\t<span data-wp-text=\"state.errorMessage\" id=\"g202979-ausujetdecesunseekermanhattan55-text-error-message\"><\/span>\n\t\t\t<\/div> \n\t<\/div>\n\n<div style=\"\"  data-wp-interactive=\"jetpack\/form\" data-wp-context='{\"fieldId\":\"g202979-message\",\"fieldType\":\"textarea\",\"fieldLabel\":\"Message\",\"fieldValue\":\"\",\"fieldPlaceholder\":\"\",\"fieldIsRequired\":\"\",\"fieldErrorMessage\":\"\",\"fieldExtra\":[],\"formHash\":\"ea4a5f1fec38b0f735bcc857d6b7b6f2e49a76fa\"}'  class='grunion-field-textarea-wrap grunion-field-wrap'  data-wp-init='callbacks.initializeField' data-wp-on--jetpack-form-reset='callbacks.initializeField' >\n<label\n\t\t\t\tfor='contact-form-comment-g202979-message' class=\"grunion-field-label textarea\" >Message<\/label>\n<textarea\n\t\t                style=''\n\t\t                name='g202979-message'\n\t\t                id='contact-form-comment-g202979-message'\n\t\t                rows='20'\n\t\t\t\t\t\tdata-wp-text='state.getFieldValue'\n\t\t\t\t\t\tdata-wp-on--input='actions.onFieldChange'\n\t\t\t\t\t\tdata-wp-on--blur='actions.onFieldBlur'\n\t\t\t\t\t\tdata-wp-class--has-value='state.hasFieldValue'\n\t\t\t\t\t\taria-describedby='g202979-message-textarea-error-message'\n\t\t\t\t\t\tdata-wp-bind--aria-invalid='state.fieldAriaInvalid'\n\t\t\t\t\t\tclass='textarea  grunion-field'  ><\/textarea>\n \n\t\t\t<div id=\"g202979-message-textarea-error\" class=\"contact-form__input-error\" data-wp-class--has-errors=\"state.fieldHasErrors\">\n\t\t\t\t<span class=\"contact-form__warning-icon\" aria-hidden=\"true\">\n\t\t\t\t\t<svg width=\"16\" height=\"16\" viewBox=\"0 0 16 16\" fill=\"none\" xmlns=\"http:\/\/www.w3.org\/2000\/svg\">\n\t\t\t\t\t\t<path d=\"M8.50015 11.6402H7.50015V10.6402H8.50015V11.6402Z\" \/>\n\t\t\t\t\t\t<path d=\"M7.50015 9.64018H8.50015V6.30684H7.50015V9.64018Z\" \/>\n\t\t\t\t\t\t<path fill-rule=\"evenodd\" clip-rule=\"evenodd\" d=\"M6.98331 3.0947C7.42933 2.30177 8.57096 2.30177 9.01698 3.09469L13.8771 11.7349C14.3145 12.5126 13.7525 13.4735 12.8602 13.4735H3.14004C2.24774 13.4735 1.68575 12.5126 2.12321 11.7349L6.98331 3.0947ZM8.14541 3.58496C8.08169 3.47168 7.9186 3.47168 7.85488 3.58496L2.99478 12.2251C2.93229 12.3362 3.01257 12.4735 3.14004 12.4735H12.8602C12.9877 12.4735 13.068 12.3362 13.0055 12.2251L8.14541 3.58496Z\" \/>\n\t\t\t\t\t<\/svg>\n\t\t\t\t<\/span>\n\t\t\t\t<span data-wp-text=\"state.errorMessage\" id=\"g202979-message-textarea-error-message\"><\/span>\n\t\t\t<\/div>\n\t<\/div>\n\t<p class='contact-submit'>\n<div class=\"contact-form__error\" data-wp-class--show-errors=\"state.showFormErrors\"><span class=\"contact-form__warning-icon\" aria-hidden=\"true\"><i><\/i><\/span><span class=\"contact-form__error-message\" tabindex=\"-1\" data-wp-watch=\"callbacks.focusOnValidationError\" data-wp-text=\"state.getFormErrorMessage\"><\/span><ul aria-label=\"Erreurs de formulaire\">\n\t\t\t\t<template data-wp-each=\"state.getErrorList\" data-wp-key=\"context.item.id\">\n\t\t\t\t\t<li><a data-wp-bind--href=\"context.item.anchor\" data-wp-on--click=\"actions.scrollIntoView\" data-wp-text=\"context.item.label\"><\/a><\/li>\n\t\t\t\t<\/template>\n\t\t\t\t<\/ul><\/div><div class=\"contact-form__error\" data-wp-class--show-errors=\"state.showSubmissionError\" data-wp-text=\"context.submissionError\" tabindex=\"-1\" data-wp-watch=\"callbacks.focusOnSubmissionError\"><\/div>\t\t<button type='submit' class='pushbutton-wide'>Envoyer<\/button>\t\t<input type='hidden' name='contact-form-id' value='202979' \/>\n\t\t<input type='hidden' name='action' value='grunion-contact-form' \/>\n\t\t<input type='hidden' name='contact-form-hash' value='ea4a5f1fec38b0f735bcc857d6b7b6f2e49a76fa' \/>\n\t<\/p>\n<p style=\"display: none !important;\" class=\"akismet-fields-container\" data-prefix=\"ak_\"><label>&#916;<textarea name=\"ak_hp_textarea\" cols=\"45\" rows=\"8\" maxlength=\"100\"><\/textarea><\/label><input type=\"hidden\" id=\"ak_js_1\" name=\"ak_js\" value=\"104\"\/><script type=\"text\/javascript\">\n\/* <![CDATA[ *\/\ndocument.getElementById( \"ak_js_1\" ).setAttribute( \"value\", ( new Date() ).getTime() );\n\/* ]]> *\/\n<\/script>\n<\/p><\/form>\n<\/div>\n<p>&nbsp;<\/p>\n<p>&nbsp;<\/p>\n","protected":false},"excerpt":{"rendered":"<p>OFF MARKET (pr\u00e9sentement retir\u00e9 de la vente) Sunseeker 55 Manhattan 2021 $1,350,000 usd \u00e0 vendre Fiche technique pr\u00e9liminaire, la premi\u00e8re photo est de ce Sunseeker, les autres sont du fabricant. Le Sunseeker Manhattan 55 est un yacht avec flybridge raffin\u00e9 et contemporain qui allie parfaitement performance, confort et luxe. Con\u00e7u pour une croisi\u00e8re sans effort, &hellip; <a href=\"https:\/\/itayachtscanada.com\/fr\/listing\/sunseeker-55-manhattan-2021-1800000-usd-for-sale\/\" class=\"more-link\">Lire la suite <span class=\"screen-reader-text\">Sunseeker 55 Manhattan 2021 $1,350,000 usd \u00e0 vendre<\/span> <span class=\"meta-nav\">&rarr;<\/span><\/a><\/p>\n","protected":false},"author":119081455,"featured_media":203030,"parent":0,"menu_order":0,"comment_status":"open","ping_status":"open","template":"","format":"standard","meta":{"_coblocks_attr":"","_coblocks_dimensions":"","_coblocks_responsive_height":"","_coblocks_accordion_ie_support":"","_lmt_disableupdate":"no","_lmt_disable":"no","advanced_seo_description":"","jetpack_seo_html_title":"","jetpack_seo_noindex":false,"footnotes":""},"manufacturer":[6427],"prix":[6735],"years":[6378],"length_feet":[6587],"boat_type":[6464],"price_range":[6580],"localisations":[],"numyacht":[10130,10860],"datevente":[10410,10533,10644,10855,11111,11220],"country":[10755],"states":[10770],"city":[10861],"fresh-water-boat":[10809],"broker":[11112],"migration":[10888],"class_list":["post-202979","listing","type-listing","status-publish","format-standard","has-post-thumbnail","hentry","manufacturer-sunseeker","prix-6735","years-6378","length_feet-between-50-and-59-feets","boat_type-flybridge","price_range-1500000-2999999","numyacht-10130","numyacht-10860","datevente-2025-05-27","datevente-2025-07-22","datevente-2025-09-16","datevente-2025-11-12","datevente-2026-01-10","datevente-2026-03-09","country-united-states","states-floride","city-coral-gables","fresh-water-boat-non","broker-nyg","migration-non"],"translation":{"provider":"WPGlobus","version":"2.12.2","language":"fr","enabled_languages":["en","fr"],"languages":{"en":{"title":true,"content":true,"excerpt":false},"fr":{"title":true,"content":true,"excerpt":false}}},"jetpack_likes_enabled":true,"jetpack_sharing_enabled":true,"_links":{"self":[{"href":"https:\/\/itayachtscanada.com\/fr\/wp-json\/wp\/v2\/listing\/202979","targetHints":{"allow":["GET"]}}],"collection":[{"href":"https:\/\/itayachtscanada.com\/fr\/wp-json\/wp\/v2\/listing"}],"about":[{"href":"https:\/\/itayachtscanada.com\/fr\/wp-json\/wp\/v2\/types\/listing"}],"author":[{"embeddable":true,"href":"https:\/\/itayachtscanada.com\/fr\/wp-json\/wp\/v2\/users\/119081455"}],"replies":[{"embeddable":true,"href":"https:\/\/itayachtscanada.com\/fr\/wp-json\/wp\/v2\/comments?post=202979"}],"version-history":[{"count":19,"href":"https:\/\/itayachtscanada.com\/fr\/wp-json\/wp\/v2\/listing\/202979\/revisions"}],"predecessor-version":[{"id":298263,"href":"https:\/\/itayachtscanada.com\/fr\/wp-json\/wp\/v2\/listing\/202979\/revisions\/298263"}],"wp:featuredmedia":[{"embeddable":true,"href":"https:\/\/itayachtscanada.com\/fr\/wp-json\/wp\/v2\/media\/203030"}],"wp:attachment":[{"href":"https:\/\/itayachtscanada.com\/fr\/wp-json\/wp\/v2\/media?parent=202979"}],"wp:term":[{"taxonomy":"manufacturer","embeddable":true,"href":"https:\/\/itayachtscanada.com\/fr\/wp-json\/wp\/v2\/manufacturer?post=202979"},{"taxonomy":"prix","embeddable":true,"href":"https:\/\/itayachtscanada.com\/fr\/wp-json\/wp\/v2\/prix?post=202979"},{"taxonomy":"years","embeddable":true,"href":"https:\/\/itayachtscanada.com\/fr\/wp-json\/wp\/v2\/years?post=202979"},{"taxonomy":"length_feet","embeddable":true,"href":"https:\/\/itayachtscanada.com\/fr\/wp-json\/wp\/v2\/length_feet?post=202979"},{"taxonomy":"boat_type","embeddable":true,"href":"https:\/\/itayachtscanada.com\/fr\/wp-json\/wp\/v2\/boat_type?post=202979"},{"taxonomy":"price_range","embeddable":true,"href":"https:\/\/itayachtscanada.com\/fr\/wp-json\/wp\/v2\/price_range?post=202979"},{"taxonomy":"localisations","embeddable":true,"href":"https:\/\/itayachtscanada.com\/fr\/wp-json\/wp\/v2\/localisations?post=202979"},{"taxonomy":"numyacht","embeddable":true,"href":"https:\/\/itayachtscanada.com\/fr\/wp-json\/wp\/v2\/numyacht?post=202979"},{"taxonomy":"datevente","embeddable":true,"href":"https:\/\/itayachtscanada.com\/fr\/wp-json\/wp\/v2\/datevente?post=202979"},{"taxonomy":"country","embeddable":true,"href":"https:\/\/itayachtscanada.com\/fr\/wp-json\/wp\/v2\/country?post=202979"},{"taxonomy":"states","embeddable":true,"href":"https:\/\/itayachtscanada.com\/fr\/wp-json\/wp\/v2\/states?post=202979"},{"taxonomy":"city","embeddable":true,"href":"https:\/\/itayachtscanada.com\/fr\/wp-json\/wp\/v2\/city?post=202979"},{"taxonomy":"fresh-water-boat","embeddable":true,"href":"https:\/\/itayachtscanada.com\/fr\/wp-json\/wp\/v2\/fresh-water-boat?post=202979"},{"taxonomy":"broker","embeddable":true,"href":"https:\/\/itayachtscanada.com\/fr\/wp-json\/wp\/v2\/broker?post=202979"},{"taxonomy":"migration","embeddable":true,"href":"https:\/\/itayachtscanada.com\/fr\/wp-json\/wp\/v2\/migration?post=202979"}],"curies":[{"name":"wp","href":"https:\/\/api.w.org\/{rel}","templated":true}]}}