{"id":202827,"date":"2025-02-01T10:55:31","date_gmt":"2025-02-01T15:55:31","guid":{"rendered":"https:\/\/itayachtscanada.com\/?post_type=listing&#038;p=202827"},"modified":"2026-03-10T16:09:51","modified_gmt":"2026-03-10T20:09:51","slug":"allseas-yacht-92-explorer-expedition-2010-4500000-usd-for-sale","status":"publish","type":"listing","link":"https:\/\/itayachtscanada.com\/fr\/listing\/allseas-yacht-92-explorer-expedition-2010-4500000-usd-for-sale\/","title":{"rendered":"AllSeas Yacht 92 Explorer\/expedition 2010 $3,495,000 usd \u00e0 vendre"},"content":{"rendered":"<p><strong>AllSeas Yacht 92 Explorer\/expedition 2010 $3,495,000 usd \u00e0 vendre<\/strong><\/p>\n<p>D&rsquo;NICE est un navire d&rsquo;exp\u00e9dition de haute performance \u00e0 vendre, offrant une vaste gamme et des espaces \u00e0 bord impressionnants. Robuste mais luxueux, c&rsquo;est le bateau id\u00e9al pour les familles qui souhaitent explorer les r\u00e9gions les plus \u00e9loign\u00e9es du monde par la mer.<\/p>\n<p>Lanc\u00e9 en 2010, D&rsquo;NICE est le premier AllSeas du ma\u00eetre constructeur Tim Alls, r\u00e9put\u00e9 pour ses navires robustes et stables. La s\u00e9curit\u00e9 offshore est au premier plan de sa conception, avec sa coque construite au-del\u00e0 des normes commerciales ABS, un syst\u00e8me d&rsquo;ancrage en eaux profondes pour les bateaux de p\u00eache, un bord\u00e9 \u00e9pais et une quille incroyablement solide. Son excellente tenue en mer a d\u00e9j\u00e0 \u00e9t\u00e9 prouv\u00e9e dans toutes les situations m\u00e9t\u00e9orologiques qu&rsquo;il a rencontr\u00e9es, ayant parcouru les deux c\u00f4tes am\u00e9ricaines et travers\u00e9 le canal de Panama. Navire intr\u00e9pide, il est capable de se rendre en toute s\u00e9curit\u00e9 dans les coins les plus recul\u00e9s de la plan\u00e8te, du Tierro del Fuego au passage du Nord-Ouest. Son long rayon d&rsquo;action d&rsquo;environ 5 000 milles marins est presque sans pr\u00e9c\u00e9dent pour un navire de cette taille, ce qui lui conf\u00e8re des capacit\u00e9s \u00e0 la fois transpacifiques et transatlantiques. Il navigue \u00e0 10 n\u0153uds et est tr\u00e8s autonome dans sa conception.<\/p>\n<h3>Ce AllSeas est situ\u00e9 en Floride, veuillez nous contacter au 514-521-1221 pour tous les d\u00e9tails concernant ce chalutier (acier) ALLSeas 92 Explorer Expedition, notre bureau est situ\u00e9 en banlieue de Montr\u00e9al.<\/h3>\n<p>&nbsp;<\/p>\n<p>Caract\u00e9ristiques techniques<\/p>\n<p>Nom : D&rsquo;NICE<\/p>\n<p>Type de bateau : Yacht \u00e0 moteur<\/p>\n<p>Constructeur : AllSeas Yachts<\/p>\n<p>Ann\u00e9e : 2010<\/p>\n<p>Mod\u00e8le du bateau : Explorer\/Expedition<\/p>\n<p>Longueur hors tout (M\/FT) : 28.04M ou 92&rsquo;00 \u00bb.<\/p>\n<p>LWL (M\/FT) : 24,54M ou 80&rsquo;06 \u00bb<\/p>\n<p>Largeur (M\/FT) : 7.52M ou 24&rsquo;08 \u00bb<\/p>\n<p>Tirant d&rsquo;eau (pleine charge) (M\/FT) : 2.13M ou 7&rsquo;0 \u00bb.<\/p>\n<p>Jauge brute : 185 (gt)<\/p>\n<p>D\u00e9placement (\u00e0 pleine charge) : 185<\/p>\n<p>Mat\u00e9riau de la coque : Acier doux ASTM A-36 (fond 3\/8\u00ab , flancs de coque 5\/16 \u00bb, pavois et flancs de salon 1\/4&Prime;)<\/p>\n<p>salon)<\/p>\n<p>Configuration de la coque : D\u00e9placement complet<\/p>\n<p>Superstructure : Aluminium 5086-h116<\/p>\n<p>Ponts : 3<\/p>\n<p>MOTEURS :<\/p>\n<p>Cummins KTA19-M3 (moteur 1)<br \/>\nType de moteur : Inboard<br \/>\nType de carburant : Diesel<br \/>\nHeures de service du moteur : 4214<br \/>\nPuissance : 600 hp<br \/>\nType d&rsquo;h\u00e9lice : 4 pales<br \/>\nMat\u00e9riau de l&rsquo;h\u00e9lice : Bronze<\/p>\n<p>Cummins KTA19-M3 (Moteur 2)<br \/>\nType de moteur : Inboard<br \/>\nType de carburant : Diesel<br \/>\nHeures de fonctionnement du moteur : 4214<br \/>\nPuissance : 600 hp<br \/>\nType d&rsquo;h\u00e9lice : 4 pales<br \/>\nMat\u00e9riau de l&rsquo;h\u00e9lice : Bronze<br \/>\nClassification<\/p>\n<p>Drapeau : USA<\/p>\n<p>Port d&rsquo;immatriculation : Lakeland, Floride<\/p>\n<p>Classification<\/p>\n<p>Membre de l&rsquo;IACS<\/p>\n<p>Statut fiscal am\u00e9ricain : Droits de douane am\u00e9ricains acquitt\u00e9s<\/p>\n<p>Soci\u00e9t\u00e9 IACS : American Bureau of Shipping (ABS)<\/p>\n<p>Enregistrement du navire : Priv\u00e9<\/p>\n<p>&nbsp;<\/p>\n<p>&nbsp;<\/p>\n<div>\n<div class=\"html-content-description\">\n<p>&nbsp;<\/p>\n<div class=\"tiled-gallery type-rectangular tiled-gallery-unresized\" data-original-width=\"700\" data-carousel-extra='{&quot;blog_id&quot;:1,&quot;permalink&quot;:&quot;https:\\\/\\\/itayachtscanada.com\\\/fr\\\/listing\\\/allseas-yacht-92-explorer-expedition-2010-4500000-usd-for-sale\\\/&quot;,&quot;likes_blog_id&quot;:198557287}' itemscope itemtype=\"http:\/\/schema.org\/ImageGallery\" > <div class=\"gallery-row\" style=\"width: 700px; height: 194px;\" data-original-width=\"700\" data-original-height=\"194\" > <div class=\"gallery-group images-1\" style=\"width: 350px; height: 194px;\" data-original-width=\"350\" data-original-height=\"194\" > <div class=\"tiled-gallery-item tiled-gallery-item-large\" itemprop=\"associatedMedia\" itemscope itemtype=\"http:\/\/schema.org\/ImageObject\"> <a href=\"https:\/\/itayachtscanada.com\/fr\/listing\/allseas-yacht-92-explorer-expedition-2010-4500000-usd-for-sale\/capture-decran-le-2025-02-01-a-10-22-06\/\" border=\"0\" itemprop=\"url\"> <meta itemprop=\"width\" content=\"346\"> <meta itemprop=\"height\" content=\"190\"> <img decoding=\"async\" class=\"\" data-attachment-id=\"202843\" data-orig-file=\"https:\/\/itayachtscanada.com\/wp-content\/uploads\/2025\/02\/Capture-decran-le-2025-02-01-a-10.22.06.jpg\" data-orig-size=\"2052,1128\" data-comments-opened=\"1\" data-image-meta=\"{&quot;aperture&quot;:&quot;0&quot;,&quot;credit&quot;:&quot;&quot;,&quot;camera&quot;:&quot;&quot;,&quot;caption&quot;:&quot;&quot;,&quot;created_timestamp&quot;:&quot;0&quot;,&quot;copyright&quot;:&quot;&quot;,&quot;focal_length&quot;:&quot;0&quot;,&quot;iso&quot;:&quot;0&quot;,&quot;shutter_speed&quot;:&quot;0&quot;,&quot;title&quot;:&quot;&quot;,&quot;orientation&quot;:&quot;0&quot;}\" data-image-title=\"Capture d\u2019e\u0301cran, le 2025-02-01 a\u0300 10.22.06\" data-image-description=\"\" data-medium-file=\"https:\/\/i0.wp.com\/itayachtscanada.com\/wp-content\/uploads\/2025\/02\/Capture-decran-le-2025-02-01-a-10.22.06.jpg?fit=300%2C165&#038;ssl=1\" data-large-file=\"https:\/\/i0.wp.com\/itayachtscanada.com\/wp-content\/uploads\/2025\/02\/Capture-decran-le-2025-02-01-a-10.22.06.jpg?fit=700%2C385&#038;ssl=1\" src=\"https:\/\/i0.wp.com\/itayachtscanada.com\/wp-content\/uploads\/2025\/02\/Capture-decran-le-2025-02-01-a-10.22.06.jpg?w=346&#038;h=190&#038;ssl=1\" srcset=\"https:\/\/i0.wp.com\/itayachtscanada.com\/wp-content\/uploads\/2025\/02\/Capture-decran-le-2025-02-01-a-10.22.06.jpg?w=2052&amp;ssl=1 2052w, https:\/\/i0.wp.com\/itayachtscanada.com\/wp-content\/uploads\/2025\/02\/Capture-decran-le-2025-02-01-a-10.22.06.jpg?resize=300%2C165&amp;ssl=1 300w, https:\/\/i0.wp.com\/itayachtscanada.com\/wp-content\/uploads\/2025\/02\/Capture-decran-le-2025-02-01-a-10.22.06.jpg?resize=1024%2C563&amp;ssl=1 1024w, https:\/\/i0.wp.com\/itayachtscanada.com\/wp-content\/uploads\/2025\/02\/Capture-decran-le-2025-02-01-a-10.22.06.jpg?resize=768%2C422&amp;ssl=1 768w, https:\/\/i0.wp.com\/itayachtscanada.com\/wp-content\/uploads\/2025\/02\/Capture-decran-le-2025-02-01-a-10.22.06.jpg?resize=1536%2C844&amp;ssl=1 1536w, https:\/\/i0.wp.com\/itayachtscanada.com\/wp-content\/uploads\/2025\/02\/Capture-decran-le-2025-02-01-a-10.22.06.jpg?resize=2048%2C1126&amp;ssl=1 2048w, https:\/\/i0.wp.com\/itayachtscanada.com\/wp-content\/uploads\/2025\/02\/Capture-decran-le-2025-02-01-a-10.22.06.jpg?resize=700%2C385&amp;ssl=1 700w, https:\/\/i0.wp.com\/itayachtscanada.com\/wp-content\/uploads\/2025\/02\/Capture-decran-le-2025-02-01-a-10.22.06.jpg?resize=2000%2C1099&amp;ssl=1 2000w, https:\/\/i0.wp.com\/itayachtscanada.com\/wp-content\/uploads\/2025\/02\/Capture-decran-le-2025-02-01-a-10.22.06.jpg?resize=728%2C400&amp;ssl=1 728w, https:\/\/i0.wp.com\/itayachtscanada.com\/wp-content\/uploads\/2025\/02\/Capture-decran-le-2025-02-01-a-10.22.06.jpg?w=1400&amp;ssl=1 1400w\" width=\"346\" height=\"190\" loading=\"lazy\" data-original-width=\"346\" data-original-height=\"190\" itemprop=\"http:\/\/schema.org\/image\" title=\"Capture d\u2019e\u0301cran, le 2025-02-01 a\u0300 10.22.06\" alt=\"Capture d\u2019e\u0301cran, le 2025-02-01 a\u0300 10.22.06\" style=\"width: 346px; height: 190px;\" \/> <\/a> <\/div> <\/div> <!-- close group --> <div class=\"gallery-group images-1\" style=\"width: 350px; height: 194px;\" data-original-width=\"350\" data-original-height=\"194\" > <div class=\"tiled-gallery-item tiled-gallery-item-large\" itemprop=\"associatedMedia\" itemscope itemtype=\"http:\/\/schema.org\/ImageObject\"> <a href=\"https:\/\/itayachtscanada.com\/fr\/listing\/allseas-yacht-92-explorer-expedition-2010-4500000-usd-for-sale\/capture-decran-le-2025-02-01-a-10-22-16\/\" border=\"0\" itemprop=\"url\"> <meta itemprop=\"width\" content=\"346\"> <meta itemprop=\"height\" content=\"190\"> <img decoding=\"async\" class=\"\" data-attachment-id=\"202842\" data-orig-file=\"https:\/\/itayachtscanada.com\/wp-content\/uploads\/2025\/02\/Capture-decran-le-2025-02-01-a-10.22.16.jpg\" data-orig-size=\"2052,1128\" data-comments-opened=\"1\" data-image-meta=\"{&quot;aperture&quot;:&quot;0&quot;,&quot;credit&quot;:&quot;&quot;,&quot;camera&quot;:&quot;&quot;,&quot;caption&quot;:&quot;&quot;,&quot;created_timestamp&quot;:&quot;0&quot;,&quot;copyright&quot;:&quot;&quot;,&quot;focal_length&quot;:&quot;0&quot;,&quot;iso&quot;:&quot;0&quot;,&quot;shutter_speed&quot;:&quot;0&quot;,&quot;title&quot;:&quot;&quot;,&quot;orientation&quot;:&quot;0&quot;}\" data-image-title=\"Capture d\u2019e\u0301cran, le 2025-02-01 a\u0300 10.22.16\" data-image-description=\"\" data-medium-file=\"https:\/\/i0.wp.com\/itayachtscanada.com\/wp-content\/uploads\/2025\/02\/Capture-decran-le-2025-02-01-a-10.22.16.jpg?fit=300%2C165&#038;ssl=1\" data-large-file=\"https:\/\/i0.wp.com\/itayachtscanada.com\/wp-content\/uploads\/2025\/02\/Capture-decran-le-2025-02-01-a-10.22.16.jpg?fit=700%2C385&#038;ssl=1\" src=\"https:\/\/i0.wp.com\/itayachtscanada.com\/wp-content\/uploads\/2025\/02\/Capture-decran-le-2025-02-01-a-10.22.16.jpg?w=346&#038;h=190&#038;ssl=1\" srcset=\"https:\/\/i0.wp.com\/itayachtscanada.com\/wp-content\/uploads\/2025\/02\/Capture-decran-le-2025-02-01-a-10.22.16.jpg?w=2052&amp;ssl=1 2052w, https:\/\/i0.wp.com\/itayachtscanada.com\/wp-content\/uploads\/2025\/02\/Capture-decran-le-2025-02-01-a-10.22.16.jpg?resize=300%2C165&amp;ssl=1 300w, https:\/\/i0.wp.com\/itayachtscanada.com\/wp-content\/uploads\/2025\/02\/Capture-decran-le-2025-02-01-a-10.22.16.jpg?resize=1024%2C563&amp;ssl=1 1024w, https:\/\/i0.wp.com\/itayachtscanada.com\/wp-content\/uploads\/2025\/02\/Capture-decran-le-2025-02-01-a-10.22.16.jpg?resize=768%2C422&amp;ssl=1 768w, https:\/\/i0.wp.com\/itayachtscanada.com\/wp-content\/uploads\/2025\/02\/Capture-decran-le-2025-02-01-a-10.22.16.jpg?resize=1536%2C844&amp;ssl=1 1536w, https:\/\/i0.wp.com\/itayachtscanada.com\/wp-content\/uploads\/2025\/02\/Capture-decran-le-2025-02-01-a-10.22.16.jpg?resize=2048%2C1126&amp;ssl=1 2048w, https:\/\/i0.wp.com\/itayachtscanada.com\/wp-content\/uploads\/2025\/02\/Capture-decran-le-2025-02-01-a-10.22.16.jpg?resize=700%2C385&amp;ssl=1 700w, https:\/\/i0.wp.com\/itayachtscanada.com\/wp-content\/uploads\/2025\/02\/Capture-decran-le-2025-02-01-a-10.22.16.jpg?resize=2000%2C1099&amp;ssl=1 2000w, https:\/\/i0.wp.com\/itayachtscanada.com\/wp-content\/uploads\/2025\/02\/Capture-decran-le-2025-02-01-a-10.22.16.jpg?resize=728%2C400&amp;ssl=1 728w, https:\/\/i0.wp.com\/itayachtscanada.com\/wp-content\/uploads\/2025\/02\/Capture-decran-le-2025-02-01-a-10.22.16.jpg?w=1400&amp;ssl=1 1400w\" width=\"346\" height=\"190\" loading=\"lazy\" data-original-width=\"346\" data-original-height=\"190\" itemprop=\"http:\/\/schema.org\/image\" title=\"Capture d\u2019e\u0301cran, le 2025-02-01 a\u0300 10.22.16\" alt=\"Capture d\u2019e\u0301cran, le 2025-02-01 a\u0300 10.22.16\" style=\"width: 346px; height: 190px;\" \/> <\/a> <\/div> <\/div> <!-- close group --> <\/div> <!-- close row --> <div class=\"gallery-row\" style=\"width: 700px; height: 302px;\" data-original-width=\"700\" data-original-height=\"302\" > <div class=\"gallery-group images-2\" style=\"width: 247px; height: 302px;\" data-original-width=\"247\" data-original-height=\"302\" > <div class=\"tiled-gallery-item tiled-gallery-item-small\" itemprop=\"associatedMedia\" itemscope itemtype=\"http:\/\/schema.org\/ImageObject\"> <a href=\"https:\/\/itayachtscanada.com\/fr\/listing\/allseas-yacht-92-explorer-expedition-2010-4500000-usd-for-sale\/capture-decran-le-2025-02-01-a-10-22-27\/\" border=\"0\" itemprop=\"url\"> <meta itemprop=\"width\" content=\"243\"> <meta itemprop=\"height\" content=\"133\"> <img decoding=\"async\" class=\"\" data-attachment-id=\"202841\" data-orig-file=\"https:\/\/itayachtscanada.com\/wp-content\/uploads\/2025\/02\/Capture-decran-le-2025-02-01-a-10.22.27.jpg\" data-orig-size=\"2052,1128\" data-comments-opened=\"1\" data-image-meta=\"{&quot;aperture&quot;:&quot;0&quot;,&quot;credit&quot;:&quot;&quot;,&quot;camera&quot;:&quot;&quot;,&quot;caption&quot;:&quot;&quot;,&quot;created_timestamp&quot;:&quot;0&quot;,&quot;copyright&quot;:&quot;&quot;,&quot;focal_length&quot;:&quot;0&quot;,&quot;iso&quot;:&quot;0&quot;,&quot;shutter_speed&quot;:&quot;0&quot;,&quot;title&quot;:&quot;&quot;,&quot;orientation&quot;:&quot;0&quot;}\" data-image-title=\"Capture d\u2019e\u0301cran, le 2025-02-01 a\u0300 10.22.27\" data-image-description=\"\" data-medium-file=\"https:\/\/i0.wp.com\/itayachtscanada.com\/wp-content\/uploads\/2025\/02\/Capture-decran-le-2025-02-01-a-10.22.27.jpg?fit=300%2C165&#038;ssl=1\" data-large-file=\"https:\/\/i0.wp.com\/itayachtscanada.com\/wp-content\/uploads\/2025\/02\/Capture-decran-le-2025-02-01-a-10.22.27.jpg?fit=700%2C385&#038;ssl=1\" src=\"https:\/\/i0.wp.com\/itayachtscanada.com\/wp-content\/uploads\/2025\/02\/Capture-decran-le-2025-02-01-a-10.22.27.jpg?w=243&#038;h=133&#038;ssl=1\" srcset=\"https:\/\/i0.wp.com\/itayachtscanada.com\/wp-content\/uploads\/2025\/02\/Capture-decran-le-2025-02-01-a-10.22.27.jpg?w=2052&amp;ssl=1 2052w, https:\/\/i0.wp.com\/itayachtscanada.com\/wp-content\/uploads\/2025\/02\/Capture-decran-le-2025-02-01-a-10.22.27.jpg?resize=300%2C165&amp;ssl=1 300w, https:\/\/i0.wp.com\/itayachtscanada.com\/wp-content\/uploads\/2025\/02\/Capture-decran-le-2025-02-01-a-10.22.27.jpg?resize=1024%2C563&amp;ssl=1 1024w, https:\/\/i0.wp.com\/itayachtscanada.com\/wp-content\/uploads\/2025\/02\/Capture-decran-le-2025-02-01-a-10.22.27.jpg?resize=768%2C422&amp;ssl=1 768w, https:\/\/i0.wp.com\/itayachtscanada.com\/wp-content\/uploads\/2025\/02\/Capture-decran-le-2025-02-01-a-10.22.27.jpg?resize=1536%2C844&amp;ssl=1 1536w, https:\/\/i0.wp.com\/itayachtscanada.com\/wp-content\/uploads\/2025\/02\/Capture-decran-le-2025-02-01-a-10.22.27.jpg?resize=2048%2C1126&amp;ssl=1 2048w, https:\/\/i0.wp.com\/itayachtscanada.com\/wp-content\/uploads\/2025\/02\/Capture-decran-le-2025-02-01-a-10.22.27.jpg?resize=700%2C385&amp;ssl=1 700w, https:\/\/i0.wp.com\/itayachtscanada.com\/wp-content\/uploads\/2025\/02\/Capture-decran-le-2025-02-01-a-10.22.27.jpg?resize=2000%2C1099&amp;ssl=1 2000w, https:\/\/i0.wp.com\/itayachtscanada.com\/wp-content\/uploads\/2025\/02\/Capture-decran-le-2025-02-01-a-10.22.27.jpg?resize=728%2C400&amp;ssl=1 728w, https:\/\/i0.wp.com\/itayachtscanada.com\/wp-content\/uploads\/2025\/02\/Capture-decran-le-2025-02-01-a-10.22.27.jpg?w=1400&amp;ssl=1 1400w\" width=\"243\" height=\"133\" loading=\"lazy\" data-original-width=\"243\" data-original-height=\"133\" itemprop=\"http:\/\/schema.org\/image\" title=\"Capture d\u2019e\u0301cran, le 2025-02-01 a\u0300 10.22.27\" alt=\"Capture d\u2019e\u0301cran, le 2025-02-01 a\u0300 10.22.27\" style=\"width: 243px; height: 133px;\" \/> <\/a> <\/div> <div class=\"tiled-gallery-item tiled-gallery-item-small\" itemprop=\"associatedMedia\" itemscope itemtype=\"http:\/\/schema.org\/ImageObject\"> <a href=\"https:\/\/itayachtscanada.com\/fr\/listing\/allseas-yacht-92-explorer-expedition-2010-4500000-usd-for-sale\/capture-decran-le-2025-02-01-a-10-13-37\/\" border=\"0\" itemprop=\"url\"> <meta itemprop=\"width\" content=\"243\"> <meta itemprop=\"height\" content=\"161\"> <img decoding=\"async\" class=\"\" data-attachment-id=\"202859\" data-orig-file=\"https:\/\/itayachtscanada.com\/wp-content\/uploads\/2025\/02\/Capture-decran-le-2025-02-01-a-10.13.37.jpg\" data-orig-size=\"1536,1020\" data-comments-opened=\"1\" data-image-meta=\"{&quot;aperture&quot;:&quot;0&quot;,&quot;credit&quot;:&quot;&quot;,&quot;camera&quot;:&quot;&quot;,&quot;caption&quot;:&quot;&quot;,&quot;created_timestamp&quot;:&quot;0&quot;,&quot;copyright&quot;:&quot;&quot;,&quot;focal_length&quot;:&quot;0&quot;,&quot;iso&quot;:&quot;0&quot;,&quot;shutter_speed&quot;:&quot;0&quot;,&quot;title&quot;:&quot;&quot;,&quot;orientation&quot;:&quot;0&quot;}\" data-image-title=\"Capture d\u2019e\u0301cran, le 2025-02-01 a\u0300 10.13.37\" data-image-description=\"\" data-medium-file=\"https:\/\/i0.wp.com\/itayachtscanada.com\/wp-content\/uploads\/2025\/02\/Capture-decran-le-2025-02-01-a-10.13.37.jpg?fit=300%2C199&#038;ssl=1\" data-large-file=\"https:\/\/i0.wp.com\/itayachtscanada.com\/wp-content\/uploads\/2025\/02\/Capture-decran-le-2025-02-01-a-10.13.37.jpg?fit=700%2C465&#038;ssl=1\" src=\"https:\/\/i0.wp.com\/itayachtscanada.com\/wp-content\/uploads\/2025\/02\/Capture-decran-le-2025-02-01-a-10.13.37.jpg?w=243&#038;h=161&#038;ssl=1\" srcset=\"https:\/\/i0.wp.com\/itayachtscanada.com\/wp-content\/uploads\/2025\/02\/Capture-decran-le-2025-02-01-a-10.13.37.jpg?w=1536&amp;ssl=1 1536w, https:\/\/i0.wp.com\/itayachtscanada.com\/wp-content\/uploads\/2025\/02\/Capture-decran-le-2025-02-01-a-10.13.37.jpg?resize=300%2C199&amp;ssl=1 300w, https:\/\/i0.wp.com\/itayachtscanada.com\/wp-content\/uploads\/2025\/02\/Capture-decran-le-2025-02-01-a-10.13.37.jpg?resize=1024%2C680&amp;ssl=1 1024w, https:\/\/i0.wp.com\/itayachtscanada.com\/wp-content\/uploads\/2025\/02\/Capture-decran-le-2025-02-01-a-10.13.37.jpg?resize=768%2C510&amp;ssl=1 768w, https:\/\/i0.wp.com\/itayachtscanada.com\/wp-content\/uploads\/2025\/02\/Capture-decran-le-2025-02-01-a-10.13.37.jpg?resize=700%2C465&amp;ssl=1 700w, https:\/\/i0.wp.com\/itayachtscanada.com\/wp-content\/uploads\/2025\/02\/Capture-decran-le-2025-02-01-a-10.13.37.jpg?resize=900%2C600&amp;ssl=1 900w, https:\/\/i0.wp.com\/itayachtscanada.com\/wp-content\/uploads\/2025\/02\/Capture-decran-le-2025-02-01-a-10.13.37.jpg?resize=602%2C400&amp;ssl=1 602w, https:\/\/i0.wp.com\/itayachtscanada.com\/wp-content\/uploads\/2025\/02\/Capture-decran-le-2025-02-01-a-10.13.37.jpg?w=1400&amp;ssl=1 1400w\" width=\"243\" height=\"161\" loading=\"lazy\" data-original-width=\"243\" data-original-height=\"161\" itemprop=\"http:\/\/schema.org\/image\" title=\"Capture d\u2019e\u0301cran, le 2025-02-01 a\u0300 10.13.37\" alt=\"Capture d\u2019e\u0301cran, le 2025-02-01 a\u0300 10.13.37\" style=\"width: 243px; height: 161px;\" \/> <\/a> <\/div> <\/div> <!-- close group --> <div class=\"gallery-group images-1\" style=\"width: 453px; height: 302px;\" data-original-width=\"453\" data-original-height=\"302\" > <div class=\"tiled-gallery-item tiled-gallery-item-large\" itemprop=\"associatedMedia\" itemscope itemtype=\"http:\/\/schema.org\/ImageObject\"> <a href=\"https:\/\/itayachtscanada.com\/fr\/listing\/allseas-yacht-92-explorer-expedition-2010-4500000-usd-for-sale\/capture-decran-le-2025-02-01-a-10-13-34\/\" border=\"0\" itemprop=\"url\"> <meta itemprop=\"width\" content=\"449\"> <meta itemprop=\"height\" content=\"298\"> <img decoding=\"async\" class=\"\" data-attachment-id=\"202860\" data-orig-file=\"https:\/\/itayachtscanada.com\/wp-content\/uploads\/2025\/02\/Capture-decran-le-2025-02-01-a-10.13.34.jpg\" data-orig-size=\"1536,1020\" data-comments-opened=\"1\" data-image-meta=\"{&quot;aperture&quot;:&quot;0&quot;,&quot;credit&quot;:&quot;&quot;,&quot;camera&quot;:&quot;&quot;,&quot;caption&quot;:&quot;&quot;,&quot;created_timestamp&quot;:&quot;0&quot;,&quot;copyright&quot;:&quot;&quot;,&quot;focal_length&quot;:&quot;0&quot;,&quot;iso&quot;:&quot;0&quot;,&quot;shutter_speed&quot;:&quot;0&quot;,&quot;title&quot;:&quot;&quot;,&quot;orientation&quot;:&quot;0&quot;}\" data-image-title=\"Capture d\u2019e\u0301cran, le 2025-02-01 a\u0300 10.13.34\" data-image-description=\"\" data-medium-file=\"https:\/\/i0.wp.com\/itayachtscanada.com\/wp-content\/uploads\/2025\/02\/Capture-decran-le-2025-02-01-a-10.13.34.jpg?fit=300%2C199&#038;ssl=1\" data-large-file=\"https:\/\/i0.wp.com\/itayachtscanada.com\/wp-content\/uploads\/2025\/02\/Capture-decran-le-2025-02-01-a-10.13.34.jpg?fit=700%2C465&#038;ssl=1\" src=\"https:\/\/i0.wp.com\/itayachtscanada.com\/wp-content\/uploads\/2025\/02\/Capture-decran-le-2025-02-01-a-10.13.34.jpg?w=449&#038;h=298&#038;ssl=1\" srcset=\"https:\/\/i0.wp.com\/itayachtscanada.com\/wp-content\/uploads\/2025\/02\/Capture-decran-le-2025-02-01-a-10.13.34.jpg?w=1536&amp;ssl=1 1536w, https:\/\/i0.wp.com\/itayachtscanada.com\/wp-content\/uploads\/2025\/02\/Capture-decran-le-2025-02-01-a-10.13.34.jpg?resize=300%2C199&amp;ssl=1 300w, https:\/\/i0.wp.com\/itayachtscanada.com\/wp-content\/uploads\/2025\/02\/Capture-decran-le-2025-02-01-a-10.13.34.jpg?resize=1024%2C680&amp;ssl=1 1024w, https:\/\/i0.wp.com\/itayachtscanada.com\/wp-content\/uploads\/2025\/02\/Capture-decran-le-2025-02-01-a-10.13.34.jpg?resize=768%2C510&amp;ssl=1 768w, https:\/\/i0.wp.com\/itayachtscanada.com\/wp-content\/uploads\/2025\/02\/Capture-decran-le-2025-02-01-a-10.13.34.jpg?resize=700%2C465&amp;ssl=1 700w, https:\/\/i0.wp.com\/itayachtscanada.com\/wp-content\/uploads\/2025\/02\/Capture-decran-le-2025-02-01-a-10.13.34.jpg?resize=900%2C600&amp;ssl=1 900w, https:\/\/i0.wp.com\/itayachtscanada.com\/wp-content\/uploads\/2025\/02\/Capture-decran-le-2025-02-01-a-10.13.34.jpg?resize=602%2C400&amp;ssl=1 602w, https:\/\/i0.wp.com\/itayachtscanada.com\/wp-content\/uploads\/2025\/02\/Capture-decran-le-2025-02-01-a-10.13.34.jpg?w=1400&amp;ssl=1 1400w\" width=\"449\" height=\"298\" loading=\"lazy\" data-original-width=\"449\" data-original-height=\"298\" itemprop=\"http:\/\/schema.org\/image\" title=\"Capture d\u2019e\u0301cran, le 2025-02-01 a\u0300 10.13.34\" alt=\"Capture d\u2019e\u0301cran, le 2025-02-01 a\u0300 10.13.34\" style=\"width: 449px; height: 298px;\" \/> <\/a> <\/div> <\/div> <!-- close group --> <\/div> <!-- close row --> <div class=\"gallery-row\" style=\"width: 700px; height: 300px;\" data-original-width=\"700\" data-original-height=\"300\" > <div class=\"gallery-group images-1\" style=\"width: 450px; height: 300px;\" data-original-width=\"450\" data-original-height=\"300\" > <div class=\"tiled-gallery-item tiled-gallery-item-large\" itemprop=\"associatedMedia\" itemscope itemtype=\"http:\/\/schema.org\/ImageObject\"> <a href=\"https:\/\/itayachtscanada.com\/fr\/listing\/allseas-yacht-92-explorer-expedition-2010-4500000-usd-for-sale\/capture-decran-le-2025-02-01-a-10-13-48\/\" border=\"0\" itemprop=\"url\"> <meta itemprop=\"width\" content=\"446\"> <meta itemprop=\"height\" content=\"296\"> <img decoding=\"async\" class=\"\" data-attachment-id=\"202855\" data-orig-file=\"https:\/\/itayachtscanada.com\/wp-content\/uploads\/2025\/02\/Capture-decran-le-2025-02-01-a-10.13.48.jpg\" data-orig-size=\"1536,1020\" data-comments-opened=\"1\" data-image-meta=\"{&quot;aperture&quot;:&quot;0&quot;,&quot;credit&quot;:&quot;&quot;,&quot;camera&quot;:&quot;&quot;,&quot;caption&quot;:&quot;&quot;,&quot;created_timestamp&quot;:&quot;0&quot;,&quot;copyright&quot;:&quot;&quot;,&quot;focal_length&quot;:&quot;0&quot;,&quot;iso&quot;:&quot;0&quot;,&quot;shutter_speed&quot;:&quot;0&quot;,&quot;title&quot;:&quot;&quot;,&quot;orientation&quot;:&quot;0&quot;}\" data-image-title=\"Capture d\u2019e\u0301cran, le 2025-02-01 a\u0300 10.13.48\" data-image-description=\"\" data-medium-file=\"https:\/\/i0.wp.com\/itayachtscanada.com\/wp-content\/uploads\/2025\/02\/Capture-decran-le-2025-02-01-a-10.13.48.jpg?fit=300%2C199&#038;ssl=1\" data-large-file=\"https:\/\/i0.wp.com\/itayachtscanada.com\/wp-content\/uploads\/2025\/02\/Capture-decran-le-2025-02-01-a-10.13.48.jpg?fit=700%2C465&#038;ssl=1\" src=\"https:\/\/i0.wp.com\/itayachtscanada.com\/wp-content\/uploads\/2025\/02\/Capture-decran-le-2025-02-01-a-10.13.48.jpg?w=446&#038;h=296&#038;ssl=1\" srcset=\"https:\/\/i0.wp.com\/itayachtscanada.com\/wp-content\/uploads\/2025\/02\/Capture-decran-le-2025-02-01-a-10.13.48.jpg?w=1536&amp;ssl=1 1536w, https:\/\/i0.wp.com\/itayachtscanada.com\/wp-content\/uploads\/2025\/02\/Capture-decran-le-2025-02-01-a-10.13.48.jpg?resize=300%2C199&amp;ssl=1 300w, https:\/\/i0.wp.com\/itayachtscanada.com\/wp-content\/uploads\/2025\/02\/Capture-decran-le-2025-02-01-a-10.13.48.jpg?resize=1024%2C680&amp;ssl=1 1024w, https:\/\/i0.wp.com\/itayachtscanada.com\/wp-content\/uploads\/2025\/02\/Capture-decran-le-2025-02-01-a-10.13.48.jpg?resize=768%2C510&amp;ssl=1 768w, https:\/\/i0.wp.com\/itayachtscanada.com\/wp-content\/uploads\/2025\/02\/Capture-decran-le-2025-02-01-a-10.13.48.jpg?resize=700%2C465&amp;ssl=1 700w, https:\/\/i0.wp.com\/itayachtscanada.com\/wp-content\/uploads\/2025\/02\/Capture-decran-le-2025-02-01-a-10.13.48.jpg?resize=900%2C600&amp;ssl=1 900w, https:\/\/i0.wp.com\/itayachtscanada.com\/wp-content\/uploads\/2025\/02\/Capture-decran-le-2025-02-01-a-10.13.48.jpg?resize=602%2C400&amp;ssl=1 602w, https:\/\/i0.wp.com\/itayachtscanada.com\/wp-content\/uploads\/2025\/02\/Capture-decran-le-2025-02-01-a-10.13.48.jpg?w=1400&amp;ssl=1 1400w\" width=\"446\" height=\"296\" loading=\"lazy\" data-original-width=\"446\" data-original-height=\"296\" itemprop=\"http:\/\/schema.org\/image\" title=\"Capture d\u2019e\u0301cran, le 2025-02-01 a\u0300 10.13.48\" alt=\"Capture d\u2019e\u0301cran, le 2025-02-01 a\u0300 10.13.48\" style=\"width: 446px; height: 296px;\" \/> <\/a> <\/div> <\/div> <!-- close group --> <div class=\"gallery-group images-2\" style=\"width: 250px; height: 300px;\" data-original-width=\"250\" data-original-height=\"300\" > <div class=\"tiled-gallery-item tiled-gallery-item-small\" itemprop=\"associatedMedia\" itemscope itemtype=\"http:\/\/schema.org\/ImageObject\"> <a href=\"https:\/\/itayachtscanada.com\/fr\/listing\/allseas-yacht-92-explorer-expedition-2010-4500000-usd-for-sale\/capture-decran-le-2025-02-01-a-10-17-04\/\" border=\"0\" itemprop=\"url\"> <meta itemprop=\"width\" content=\"246\"> <meta itemprop=\"height\" content=\"154\"> <img decoding=\"async\" class=\"\" data-attachment-id=\"202848\" data-orig-file=\"https:\/\/itayachtscanada.com\/wp-content\/uploads\/2025\/02\/Capture-decran-le-2025-02-01-a-10.17.04.jpg\" data-orig-size=\"2132,1334\" data-comments-opened=\"1\" data-image-meta=\"{&quot;aperture&quot;:&quot;0&quot;,&quot;credit&quot;:&quot;&quot;,&quot;camera&quot;:&quot;&quot;,&quot;caption&quot;:&quot;&quot;,&quot;created_timestamp&quot;:&quot;0&quot;,&quot;copyright&quot;:&quot;&quot;,&quot;focal_length&quot;:&quot;0&quot;,&quot;iso&quot;:&quot;0&quot;,&quot;shutter_speed&quot;:&quot;0&quot;,&quot;title&quot;:&quot;&quot;,&quot;orientation&quot;:&quot;0&quot;}\" data-image-title=\"Capture d\u2019e\u0301cran, le 2025-02-01 a\u0300 10.17.04\" data-image-description=\"\" data-medium-file=\"https:\/\/i0.wp.com\/itayachtscanada.com\/wp-content\/uploads\/2025\/02\/Capture-decran-le-2025-02-01-a-10.17.04.jpg?fit=300%2C188&#038;ssl=1\" data-large-file=\"https:\/\/i0.wp.com\/itayachtscanada.com\/wp-content\/uploads\/2025\/02\/Capture-decran-le-2025-02-01-a-10.17.04.jpg?fit=700%2C438&#038;ssl=1\" src=\"https:\/\/i0.wp.com\/itayachtscanada.com\/wp-content\/uploads\/2025\/02\/Capture-decran-le-2025-02-01-a-10.17.04.jpg?w=246&#038;h=154&#038;ssl=1\" srcset=\"https:\/\/i0.wp.com\/itayachtscanada.com\/wp-content\/uploads\/2025\/02\/Capture-decran-le-2025-02-01-a-10.17.04.jpg?w=2132&amp;ssl=1 2132w, https:\/\/i0.wp.com\/itayachtscanada.com\/wp-content\/uploads\/2025\/02\/Capture-decran-le-2025-02-01-a-10.17.04.jpg?resize=300%2C188&amp;ssl=1 300w, https:\/\/i0.wp.com\/itayachtscanada.com\/wp-content\/uploads\/2025\/02\/Capture-decran-le-2025-02-01-a-10.17.04.jpg?resize=1024%2C641&amp;ssl=1 1024w, https:\/\/i0.wp.com\/itayachtscanada.com\/wp-content\/uploads\/2025\/02\/Capture-decran-le-2025-02-01-a-10.17.04.jpg?resize=768%2C481&amp;ssl=1 768w, https:\/\/i0.wp.com\/itayachtscanada.com\/wp-content\/uploads\/2025\/02\/Capture-decran-le-2025-02-01-a-10.17.04.jpg?resize=1536%2C961&amp;ssl=1 1536w, https:\/\/i0.wp.com\/itayachtscanada.com\/wp-content\/uploads\/2025\/02\/Capture-decran-le-2025-02-01-a-10.17.04.jpg?resize=2048%2C1281&amp;ssl=1 2048w, https:\/\/i0.wp.com\/itayachtscanada.com\/wp-content\/uploads\/2025\/02\/Capture-decran-le-2025-02-01-a-10.17.04.jpg?resize=700%2C438&amp;ssl=1 700w, https:\/\/i0.wp.com\/itayachtscanada.com\/wp-content\/uploads\/2025\/02\/Capture-decran-le-2025-02-01-a-10.17.04.jpg?resize=2000%2C1251&amp;ssl=1 2000w, https:\/\/i0.wp.com\/itayachtscanada.com\/wp-content\/uploads\/2025\/02\/Capture-decran-le-2025-02-01-a-10.17.04.jpg?resize=639%2C400&amp;ssl=1 639w, https:\/\/i0.wp.com\/itayachtscanada.com\/wp-content\/uploads\/2025\/02\/Capture-decran-le-2025-02-01-a-10.17.04.jpg?w=1400&amp;ssl=1 1400w\" width=\"246\" height=\"154\" loading=\"lazy\" data-original-width=\"246\" data-original-height=\"154\" itemprop=\"http:\/\/schema.org\/image\" title=\"Capture d\u2019e\u0301cran, le 2025-02-01 a\u0300 10.17.04\" alt=\"Capture d\u2019e\u0301cran, le 2025-02-01 a\u0300 10.17.04\" style=\"width: 246px; height: 154px;\" \/> <\/a> <\/div> <div class=\"tiled-gallery-item tiled-gallery-item-small\" itemprop=\"associatedMedia\" itemscope itemtype=\"http:\/\/schema.org\/ImageObject\"> <a href=\"https:\/\/itayachtscanada.com\/fr\/listing\/allseas-yacht-92-explorer-expedition-2010-4500000-usd-for-sale\/capture-decran-le-2025-02-01-a-10-41-35\/\" border=\"0\" itemprop=\"url\"> <meta itemprop=\"width\" content=\"246\"> <meta itemprop=\"height\" content=\"138\"> <img decoding=\"async\" class=\"\" data-attachment-id=\"202881\" data-orig-file=\"https:\/\/itayachtscanada.com\/wp-content\/uploads\/2025\/02\/Capture-decran-le-2025-02-01-a-10.41.35.jpg\" data-orig-size=\"2402,1346\" data-comments-opened=\"1\" data-image-meta=\"{&quot;aperture&quot;:&quot;0&quot;,&quot;credit&quot;:&quot;&quot;,&quot;camera&quot;:&quot;&quot;,&quot;caption&quot;:&quot;&quot;,&quot;created_timestamp&quot;:&quot;0&quot;,&quot;copyright&quot;:&quot;&quot;,&quot;focal_length&quot;:&quot;0&quot;,&quot;iso&quot;:&quot;0&quot;,&quot;shutter_speed&quot;:&quot;0&quot;,&quot;title&quot;:&quot;&quot;,&quot;orientation&quot;:&quot;0&quot;}\" data-image-title=\"Capture d\u2019e\u0301cran, le 2025-02-01 a\u0300 10.41.35\" data-image-description=\"\" data-medium-file=\"https:\/\/i0.wp.com\/itayachtscanada.com\/wp-content\/uploads\/2025\/02\/Capture-decran-le-2025-02-01-a-10.41.35.jpg?fit=300%2C168&#038;ssl=1\" data-large-file=\"https:\/\/i0.wp.com\/itayachtscanada.com\/wp-content\/uploads\/2025\/02\/Capture-decran-le-2025-02-01-a-10.41.35.jpg?fit=700%2C392&#038;ssl=1\" src=\"https:\/\/i0.wp.com\/itayachtscanada.com\/wp-content\/uploads\/2025\/02\/Capture-decran-le-2025-02-01-a-10.41.35.jpg?w=246&#038;h=138&#038;ssl=1\" srcset=\"https:\/\/i0.wp.com\/itayachtscanada.com\/wp-content\/uploads\/2025\/02\/Capture-decran-le-2025-02-01-a-10.41.35.jpg?w=2402&amp;ssl=1 2402w, https:\/\/i0.wp.com\/itayachtscanada.com\/wp-content\/uploads\/2025\/02\/Capture-decran-le-2025-02-01-a-10.41.35.jpg?resize=300%2C168&amp;ssl=1 300w, https:\/\/i0.wp.com\/itayachtscanada.com\/wp-content\/uploads\/2025\/02\/Capture-decran-le-2025-02-01-a-10.41.35.jpg?resize=1024%2C574&amp;ssl=1 1024w, https:\/\/i0.wp.com\/itayachtscanada.com\/wp-content\/uploads\/2025\/02\/Capture-decran-le-2025-02-01-a-10.41.35.jpg?resize=768%2C430&amp;ssl=1 768w, https:\/\/i0.wp.com\/itayachtscanada.com\/wp-content\/uploads\/2025\/02\/Capture-decran-le-2025-02-01-a-10.41.35.jpg?resize=1536%2C861&amp;ssl=1 1536w, https:\/\/i0.wp.com\/itayachtscanada.com\/wp-content\/uploads\/2025\/02\/Capture-decran-le-2025-02-01-a-10.41.35.jpg?resize=2048%2C1148&amp;ssl=1 2048w, https:\/\/i0.wp.com\/itayachtscanada.com\/wp-content\/uploads\/2025\/02\/Capture-decran-le-2025-02-01-a-10.41.35.jpg?resize=700%2C392&amp;ssl=1 700w, https:\/\/i0.wp.com\/itayachtscanada.com\/wp-content\/uploads\/2025\/02\/Capture-decran-le-2025-02-01-a-10.41.35.jpg?resize=2000%2C1121&amp;ssl=1 2000w, https:\/\/i0.wp.com\/itayachtscanada.com\/wp-content\/uploads\/2025\/02\/Capture-decran-le-2025-02-01-a-10.41.35.jpg?resize=714%2C400&amp;ssl=1 714w, https:\/\/i0.wp.com\/itayachtscanada.com\/wp-content\/uploads\/2025\/02\/Capture-decran-le-2025-02-01-a-10.41.35.jpg?w=1400&amp;ssl=1 1400w, https:\/\/i0.wp.com\/itayachtscanada.com\/wp-content\/uploads\/2025\/02\/Capture-decran-le-2025-02-01-a-10.41.35.jpg?w=2100&amp;ssl=1 2100w\" width=\"246\" height=\"138\" loading=\"lazy\" data-original-width=\"246\" data-original-height=\"138\" itemprop=\"http:\/\/schema.org\/image\" title=\"Capture d\u2019e\u0301cran, le 2025-02-01 a\u0300 10.41.35\" alt=\"Capture d\u2019e\u0301cran, le 2025-02-01 a\u0300 10.41.35\" style=\"width: 246px; height: 138px;\" \/> <\/a> <\/div> <\/div> <!-- close group --> <\/div> <!-- close row --> <div class=\"gallery-row\" style=\"width: 700px; height: 214px;\" data-original-width=\"700\" data-original-height=\"214\" > <div class=\"gallery-group images-1\" style=\"width: 378px; height: 214px;\" data-original-width=\"378\" data-original-height=\"214\" > <div class=\"tiled-gallery-item tiled-gallery-item-large\" itemprop=\"associatedMedia\" itemscope itemtype=\"http:\/\/schema.org\/ImageObject\"> <a href=\"https:\/\/itayachtscanada.com\/fr\/listing\/allseas-yacht-92-explorer-expedition-2010-4500000-usd-for-sale\/capture-decran-le-2025-02-01-a-10-41-40\/\" border=\"0\" itemprop=\"url\"> <meta itemprop=\"width\" content=\"374\"> <meta itemprop=\"height\" content=\"210\"> <img decoding=\"async\" class=\"\" data-attachment-id=\"202880\" data-orig-file=\"https:\/\/itayachtscanada.com\/wp-content\/uploads\/2025\/02\/Capture-decran-le-2025-02-01-a-10.41.40.jpg\" data-orig-size=\"2402,1346\" data-comments-opened=\"1\" data-image-meta=\"{&quot;aperture&quot;:&quot;0&quot;,&quot;credit&quot;:&quot;&quot;,&quot;camera&quot;:&quot;&quot;,&quot;caption&quot;:&quot;&quot;,&quot;created_timestamp&quot;:&quot;0&quot;,&quot;copyright&quot;:&quot;&quot;,&quot;focal_length&quot;:&quot;0&quot;,&quot;iso&quot;:&quot;0&quot;,&quot;shutter_speed&quot;:&quot;0&quot;,&quot;title&quot;:&quot;&quot;,&quot;orientation&quot;:&quot;0&quot;}\" data-image-title=\"Capture d\u2019e\u0301cran, le 2025-02-01 a\u0300 10.41.40\" data-image-description=\"\" data-medium-file=\"https:\/\/i0.wp.com\/itayachtscanada.com\/wp-content\/uploads\/2025\/02\/Capture-decran-le-2025-02-01-a-10.41.40.jpg?fit=300%2C168&#038;ssl=1\" data-large-file=\"https:\/\/i0.wp.com\/itayachtscanada.com\/wp-content\/uploads\/2025\/02\/Capture-decran-le-2025-02-01-a-10.41.40.jpg?fit=700%2C392&#038;ssl=1\" src=\"https:\/\/i0.wp.com\/itayachtscanada.com\/wp-content\/uploads\/2025\/02\/Capture-decran-le-2025-02-01-a-10.41.40.jpg?w=374&#038;h=210&#038;ssl=1\" srcset=\"https:\/\/i0.wp.com\/itayachtscanada.com\/wp-content\/uploads\/2025\/02\/Capture-decran-le-2025-02-01-a-10.41.40.jpg?w=2402&amp;ssl=1 2402w, https:\/\/i0.wp.com\/itayachtscanada.com\/wp-content\/uploads\/2025\/02\/Capture-decran-le-2025-02-01-a-10.41.40.jpg?resize=300%2C168&amp;ssl=1 300w, https:\/\/i0.wp.com\/itayachtscanada.com\/wp-content\/uploads\/2025\/02\/Capture-decran-le-2025-02-01-a-10.41.40.jpg?resize=1024%2C574&amp;ssl=1 1024w, https:\/\/i0.wp.com\/itayachtscanada.com\/wp-content\/uploads\/2025\/02\/Capture-decran-le-2025-02-01-a-10.41.40.jpg?resize=768%2C430&amp;ssl=1 768w, https:\/\/i0.wp.com\/itayachtscanada.com\/wp-content\/uploads\/2025\/02\/Capture-decran-le-2025-02-01-a-10.41.40.jpg?resize=1536%2C861&amp;ssl=1 1536w, https:\/\/i0.wp.com\/itayachtscanada.com\/wp-content\/uploads\/2025\/02\/Capture-decran-le-2025-02-01-a-10.41.40.jpg?resize=2048%2C1148&amp;ssl=1 2048w, https:\/\/i0.wp.com\/itayachtscanada.com\/wp-content\/uploads\/2025\/02\/Capture-decran-le-2025-02-01-a-10.41.40.jpg?resize=700%2C392&amp;ssl=1 700w, https:\/\/i0.wp.com\/itayachtscanada.com\/wp-content\/uploads\/2025\/02\/Capture-decran-le-2025-02-01-a-10.41.40.jpg?resize=2000%2C1121&amp;ssl=1 2000w, https:\/\/i0.wp.com\/itayachtscanada.com\/wp-content\/uploads\/2025\/02\/Capture-decran-le-2025-02-01-a-10.41.40.jpg?resize=714%2C400&amp;ssl=1 714w, https:\/\/i0.wp.com\/itayachtscanada.com\/wp-content\/uploads\/2025\/02\/Capture-decran-le-2025-02-01-a-10.41.40.jpg?w=1400&amp;ssl=1 1400w, https:\/\/i0.wp.com\/itayachtscanada.com\/wp-content\/uploads\/2025\/02\/Capture-decran-le-2025-02-01-a-10.41.40.jpg?w=2100&amp;ssl=1 2100w\" width=\"374\" height=\"210\" loading=\"lazy\" data-original-width=\"374\" data-original-height=\"210\" itemprop=\"http:\/\/schema.org\/image\" title=\"Capture d\u2019e\u0301cran, le 2025-02-01 a\u0300 10.41.40\" alt=\"Capture d\u2019e\u0301cran, le 2025-02-01 a\u0300 10.41.40\" style=\"width: 374px; height: 210px;\" \/> <\/a> <\/div> <\/div> <!-- close group --> <div class=\"gallery-group images-1\" style=\"width: 322px; height: 214px;\" data-original-width=\"322\" data-original-height=\"214\" > <div class=\"tiled-gallery-item tiled-gallery-item-large\" itemprop=\"associatedMedia\" itemscope itemtype=\"http:\/\/schema.org\/ImageObject\"> <a href=\"https:\/\/itayachtscanada.com\/fr\/listing\/allseas-yacht-92-explorer-expedition-2010-4500000-usd-for-sale\/capture-decran-le-2025-02-01-a-10-14-21\/\" border=\"0\" itemprop=\"url\"> <meta itemprop=\"width\" content=\"318\"> <meta itemprop=\"height\" content=\"210\"> <img decoding=\"async\" class=\"\" data-attachment-id=\"202849\" data-orig-file=\"https:\/\/itayachtscanada.com\/wp-content\/uploads\/2025\/02\/Capture-decran-le-2025-02-01-a-10.14.21.jpg\" data-orig-size=\"1546,1020\" data-comments-opened=\"1\" data-image-meta=\"{&quot;aperture&quot;:&quot;0&quot;,&quot;credit&quot;:&quot;&quot;,&quot;camera&quot;:&quot;&quot;,&quot;caption&quot;:&quot;&quot;,&quot;created_timestamp&quot;:&quot;0&quot;,&quot;copyright&quot;:&quot;&quot;,&quot;focal_length&quot;:&quot;0&quot;,&quot;iso&quot;:&quot;0&quot;,&quot;shutter_speed&quot;:&quot;0&quot;,&quot;title&quot;:&quot;&quot;,&quot;orientation&quot;:&quot;0&quot;}\" data-image-title=\"Capture d\u2019e\u0301cran, le 2025-02-01 a\u0300 10.14.21\" data-image-description=\"\" data-medium-file=\"https:\/\/i0.wp.com\/itayachtscanada.com\/wp-content\/uploads\/2025\/02\/Capture-decran-le-2025-02-01-a-10.14.21.jpg?fit=300%2C198&#038;ssl=1\" data-large-file=\"https:\/\/i0.wp.com\/itayachtscanada.com\/wp-content\/uploads\/2025\/02\/Capture-decran-le-2025-02-01-a-10.14.21.jpg?fit=700%2C462&#038;ssl=1\" src=\"https:\/\/i0.wp.com\/itayachtscanada.com\/wp-content\/uploads\/2025\/02\/Capture-decran-le-2025-02-01-a-10.14.21.jpg?w=318&#038;h=210&#038;ssl=1\" srcset=\"https:\/\/i0.wp.com\/itayachtscanada.com\/wp-content\/uploads\/2025\/02\/Capture-decran-le-2025-02-01-a-10.14.21.jpg?w=1546&amp;ssl=1 1546w, https:\/\/i0.wp.com\/itayachtscanada.com\/wp-content\/uploads\/2025\/02\/Capture-decran-le-2025-02-01-a-10.14.21.jpg?resize=300%2C198&amp;ssl=1 300w, https:\/\/i0.wp.com\/itayachtscanada.com\/wp-content\/uploads\/2025\/02\/Capture-decran-le-2025-02-01-a-10.14.21.jpg?resize=1024%2C676&amp;ssl=1 1024w, https:\/\/i0.wp.com\/itayachtscanada.com\/wp-content\/uploads\/2025\/02\/Capture-decran-le-2025-02-01-a-10.14.21.jpg?resize=768%2C507&amp;ssl=1 768w, https:\/\/i0.wp.com\/itayachtscanada.com\/wp-content\/uploads\/2025\/02\/Capture-decran-le-2025-02-01-a-10.14.21.jpg?resize=1536%2C1013&amp;ssl=1 1536w, https:\/\/i0.wp.com\/itayachtscanada.com\/wp-content\/uploads\/2025\/02\/Capture-decran-le-2025-02-01-a-10.14.21.jpg?resize=700%2C462&amp;ssl=1 700w, https:\/\/i0.wp.com\/itayachtscanada.com\/wp-content\/uploads\/2025\/02\/Capture-decran-le-2025-02-01-a-10.14.21.jpg?resize=606%2C400&amp;ssl=1 606w, https:\/\/i0.wp.com\/itayachtscanada.com\/wp-content\/uploads\/2025\/02\/Capture-decran-le-2025-02-01-a-10.14.21.jpg?w=1400&amp;ssl=1 1400w\" width=\"318\" height=\"210\" loading=\"lazy\" data-original-width=\"318\" data-original-height=\"210\" itemprop=\"http:\/\/schema.org\/image\" title=\"Capture d\u2019e\u0301cran, le 2025-02-01 a\u0300 10.14.21\" alt=\"Capture d\u2019e\u0301cran, le 2025-02-01 a\u0300 10.14.21\" style=\"width: 318px; height: 210px;\" \/> <\/a> <\/div> <\/div> <!-- close group --> <\/div> <!-- close row --> <div class=\"gallery-row\" style=\"width: 700px; height: 214px;\" data-original-width=\"700\" data-original-height=\"214\" > <div class=\"gallery-group images-1\" style=\"width: 322px; height: 214px;\" data-original-width=\"322\" data-original-height=\"214\" > <div class=\"tiled-gallery-item tiled-gallery-item-large\" itemprop=\"associatedMedia\" itemscope itemtype=\"http:\/\/schema.org\/ImageObject\"> <a href=\"https:\/\/itayachtscanada.com\/fr\/listing\/allseas-yacht-92-explorer-expedition-2010-4500000-usd-for-sale\/capture-decran-le-2025-02-01-a-10-14-17\/\" border=\"0\" itemprop=\"url\"> <meta itemprop=\"width\" content=\"318\"> <meta itemprop=\"height\" content=\"210\"> <img decoding=\"async\" class=\"\" data-attachment-id=\"202850\" data-orig-file=\"https:\/\/itayachtscanada.com\/wp-content\/uploads\/2025\/02\/Capture-decran-le-2025-02-01-a-10.14.17.jpg\" data-orig-size=\"1546,1020\" data-comments-opened=\"1\" data-image-meta=\"{&quot;aperture&quot;:&quot;0&quot;,&quot;credit&quot;:&quot;&quot;,&quot;camera&quot;:&quot;&quot;,&quot;caption&quot;:&quot;&quot;,&quot;created_timestamp&quot;:&quot;0&quot;,&quot;copyright&quot;:&quot;&quot;,&quot;focal_length&quot;:&quot;0&quot;,&quot;iso&quot;:&quot;0&quot;,&quot;shutter_speed&quot;:&quot;0&quot;,&quot;title&quot;:&quot;&quot;,&quot;orientation&quot;:&quot;0&quot;}\" data-image-title=\"Capture d\u2019e\u0301cran, le 2025-02-01 a\u0300 10.14.17\" data-image-description=\"\" data-medium-file=\"https:\/\/i0.wp.com\/itayachtscanada.com\/wp-content\/uploads\/2025\/02\/Capture-decran-le-2025-02-01-a-10.14.17.jpg?fit=300%2C198&#038;ssl=1\" data-large-file=\"https:\/\/i0.wp.com\/itayachtscanada.com\/wp-content\/uploads\/2025\/02\/Capture-decran-le-2025-02-01-a-10.14.17.jpg?fit=700%2C462&#038;ssl=1\" src=\"https:\/\/i0.wp.com\/itayachtscanada.com\/wp-content\/uploads\/2025\/02\/Capture-decran-le-2025-02-01-a-10.14.17.jpg?w=318&#038;h=210&#038;ssl=1\" srcset=\"https:\/\/i0.wp.com\/itayachtscanada.com\/wp-content\/uploads\/2025\/02\/Capture-decran-le-2025-02-01-a-10.14.17.jpg?w=1546&amp;ssl=1 1546w, https:\/\/i0.wp.com\/itayachtscanada.com\/wp-content\/uploads\/2025\/02\/Capture-decran-le-2025-02-01-a-10.14.17.jpg?resize=300%2C198&amp;ssl=1 300w, https:\/\/i0.wp.com\/itayachtscanada.com\/wp-content\/uploads\/2025\/02\/Capture-decran-le-2025-02-01-a-10.14.17.jpg?resize=1024%2C676&amp;ssl=1 1024w, https:\/\/i0.wp.com\/itayachtscanada.com\/wp-content\/uploads\/2025\/02\/Capture-decran-le-2025-02-01-a-10.14.17.jpg?resize=768%2C507&amp;ssl=1 768w, https:\/\/i0.wp.com\/itayachtscanada.com\/wp-content\/uploads\/2025\/02\/Capture-decran-le-2025-02-01-a-10.14.17.jpg?resize=1536%2C1013&amp;ssl=1 1536w, https:\/\/i0.wp.com\/itayachtscanada.com\/wp-content\/uploads\/2025\/02\/Capture-decran-le-2025-02-01-a-10.14.17.jpg?resize=700%2C462&amp;ssl=1 700w, https:\/\/i0.wp.com\/itayachtscanada.com\/wp-content\/uploads\/2025\/02\/Capture-decran-le-2025-02-01-a-10.14.17.jpg?resize=606%2C400&amp;ssl=1 606w, https:\/\/i0.wp.com\/itayachtscanada.com\/wp-content\/uploads\/2025\/02\/Capture-decran-le-2025-02-01-a-10.14.17.jpg?w=1400&amp;ssl=1 1400w\" width=\"318\" height=\"210\" loading=\"lazy\" data-original-width=\"318\" data-original-height=\"210\" itemprop=\"http:\/\/schema.org\/image\" title=\"Capture d\u2019e\u0301cran, le 2025-02-01 a\u0300 10.14.17\" alt=\"Capture d\u2019e\u0301cran, le 2025-02-01 a\u0300 10.14.17\" style=\"width: 318px; height: 210px;\" \/> <\/a> <\/div> <\/div> <!-- close group --> <div class=\"gallery-group images-1\" style=\"width: 378px; height: 214px;\" data-original-width=\"378\" data-original-height=\"214\" > <div class=\"tiled-gallery-item tiled-gallery-item-large\" itemprop=\"associatedMedia\" itemscope itemtype=\"http:\/\/schema.org\/ImageObject\"> <a href=\"https:\/\/itayachtscanada.com\/fr\/listing\/allseas-yacht-92-explorer-expedition-2010-4500000-usd-for-sale\/capture-decran-le-2025-02-01-a-10-41-45\/\" border=\"0\" itemprop=\"url\"> <meta itemprop=\"width\" content=\"374\"> <meta itemprop=\"height\" content=\"210\"> <img decoding=\"async\" class=\"\" data-attachment-id=\"202879\" data-orig-file=\"https:\/\/itayachtscanada.com\/wp-content\/uploads\/2025\/02\/Capture-decran-le-2025-02-01-a-10.41.45.jpg\" data-orig-size=\"2402,1346\" data-comments-opened=\"1\" data-image-meta=\"{&quot;aperture&quot;:&quot;0&quot;,&quot;credit&quot;:&quot;&quot;,&quot;camera&quot;:&quot;&quot;,&quot;caption&quot;:&quot;&quot;,&quot;created_timestamp&quot;:&quot;0&quot;,&quot;copyright&quot;:&quot;&quot;,&quot;focal_length&quot;:&quot;0&quot;,&quot;iso&quot;:&quot;0&quot;,&quot;shutter_speed&quot;:&quot;0&quot;,&quot;title&quot;:&quot;&quot;,&quot;orientation&quot;:&quot;0&quot;}\" data-image-title=\"Capture d\u2019e\u0301cran, le 2025-02-01 a\u0300 10.41.45\" data-image-description=\"\" data-medium-file=\"https:\/\/i0.wp.com\/itayachtscanada.com\/wp-content\/uploads\/2025\/02\/Capture-decran-le-2025-02-01-a-10.41.45.jpg?fit=300%2C168&#038;ssl=1\" data-large-file=\"https:\/\/i0.wp.com\/itayachtscanada.com\/wp-content\/uploads\/2025\/02\/Capture-decran-le-2025-02-01-a-10.41.45.jpg?fit=700%2C392&#038;ssl=1\" src=\"https:\/\/i0.wp.com\/itayachtscanada.com\/wp-content\/uploads\/2025\/02\/Capture-decran-le-2025-02-01-a-10.41.45.jpg?w=374&#038;h=210&#038;ssl=1\" srcset=\"https:\/\/i0.wp.com\/itayachtscanada.com\/wp-content\/uploads\/2025\/02\/Capture-decran-le-2025-02-01-a-10.41.45.jpg?w=2402&amp;ssl=1 2402w, https:\/\/i0.wp.com\/itayachtscanada.com\/wp-content\/uploads\/2025\/02\/Capture-decran-le-2025-02-01-a-10.41.45.jpg?resize=300%2C168&amp;ssl=1 300w, https:\/\/i0.wp.com\/itayachtscanada.com\/wp-content\/uploads\/2025\/02\/Capture-decran-le-2025-02-01-a-10.41.45.jpg?resize=1024%2C574&amp;ssl=1 1024w, https:\/\/i0.wp.com\/itayachtscanada.com\/wp-content\/uploads\/2025\/02\/Capture-decran-le-2025-02-01-a-10.41.45.jpg?resize=768%2C430&amp;ssl=1 768w, https:\/\/i0.wp.com\/itayachtscanada.com\/wp-content\/uploads\/2025\/02\/Capture-decran-le-2025-02-01-a-10.41.45.jpg?resize=1536%2C861&amp;ssl=1 1536w, https:\/\/i0.wp.com\/itayachtscanada.com\/wp-content\/uploads\/2025\/02\/Capture-decran-le-2025-02-01-a-10.41.45.jpg?resize=2048%2C1148&amp;ssl=1 2048w, https:\/\/i0.wp.com\/itayachtscanada.com\/wp-content\/uploads\/2025\/02\/Capture-decran-le-2025-02-01-a-10.41.45.jpg?resize=700%2C392&amp;ssl=1 700w, https:\/\/i0.wp.com\/itayachtscanada.com\/wp-content\/uploads\/2025\/02\/Capture-decran-le-2025-02-01-a-10.41.45.jpg?resize=2000%2C1121&amp;ssl=1 2000w, https:\/\/i0.wp.com\/itayachtscanada.com\/wp-content\/uploads\/2025\/02\/Capture-decran-le-2025-02-01-a-10.41.45.jpg?resize=714%2C400&amp;ssl=1 714w, https:\/\/i0.wp.com\/itayachtscanada.com\/wp-content\/uploads\/2025\/02\/Capture-decran-le-2025-02-01-a-10.41.45.jpg?w=1400&amp;ssl=1 1400w, https:\/\/i0.wp.com\/itayachtscanada.com\/wp-content\/uploads\/2025\/02\/Capture-decran-le-2025-02-01-a-10.41.45.jpg?w=2100&amp;ssl=1 2100w\" width=\"374\" height=\"210\" loading=\"lazy\" data-original-width=\"374\" data-original-height=\"210\" itemprop=\"http:\/\/schema.org\/image\" title=\"Capture d\u2019e\u0301cran, le 2025-02-01 a\u0300 10.41.45\" alt=\"Capture d\u2019e\u0301cran, le 2025-02-01 a\u0300 10.41.45\" style=\"width: 374px; height: 210px;\" \/> <\/a> <\/div> <\/div> <!-- close group --> <\/div> <!-- close row --> <div class=\"gallery-row\" style=\"width: 700px; height: 234px;\" data-original-width=\"700\" data-original-height=\"234\" > <div class=\"gallery-group images-1\" style=\"width: 350px; height: 234px;\" data-original-width=\"350\" data-original-height=\"234\" > <div class=\"tiled-gallery-item tiled-gallery-item-large\" itemprop=\"associatedMedia\" itemscope itemtype=\"http:\/\/schema.org\/ImageObject\"> <a href=\"https:\/\/itayachtscanada.com\/fr\/listing\/allseas-yacht-92-explorer-expedition-2010-4500000-usd-for-sale\/capture-decran-le-2025-02-01-a-10-13-42\/\" border=\"0\" itemprop=\"url\"> <meta itemprop=\"width\" content=\"346\"> <meta itemprop=\"height\" content=\"230\"> <img decoding=\"async\" class=\"\" data-attachment-id=\"202857\" data-orig-file=\"https:\/\/itayachtscanada.com\/wp-content\/uploads\/2025\/02\/Capture-decran-le-2025-02-01-a-10.13.42.jpg\" data-orig-size=\"1536,1020\" data-comments-opened=\"1\" data-image-meta=\"{&quot;aperture&quot;:&quot;0&quot;,&quot;credit&quot;:&quot;&quot;,&quot;camera&quot;:&quot;&quot;,&quot;caption&quot;:&quot;&quot;,&quot;created_timestamp&quot;:&quot;0&quot;,&quot;copyright&quot;:&quot;&quot;,&quot;focal_length&quot;:&quot;0&quot;,&quot;iso&quot;:&quot;0&quot;,&quot;shutter_speed&quot;:&quot;0&quot;,&quot;title&quot;:&quot;&quot;,&quot;orientation&quot;:&quot;0&quot;}\" data-image-title=\"Capture d\u2019e\u0301cran, le 2025-02-01 a\u0300 10.13.42\" data-image-description=\"\" data-medium-file=\"https:\/\/i0.wp.com\/itayachtscanada.com\/wp-content\/uploads\/2025\/02\/Capture-decran-le-2025-02-01-a-10.13.42.jpg?fit=300%2C199&#038;ssl=1\" data-large-file=\"https:\/\/i0.wp.com\/itayachtscanada.com\/wp-content\/uploads\/2025\/02\/Capture-decran-le-2025-02-01-a-10.13.42.jpg?fit=700%2C465&#038;ssl=1\" src=\"https:\/\/i0.wp.com\/itayachtscanada.com\/wp-content\/uploads\/2025\/02\/Capture-decran-le-2025-02-01-a-10.13.42.jpg?w=346&#038;h=230&#038;ssl=1\" srcset=\"https:\/\/i0.wp.com\/itayachtscanada.com\/wp-content\/uploads\/2025\/02\/Capture-decran-le-2025-02-01-a-10.13.42.jpg?w=1536&amp;ssl=1 1536w, https:\/\/i0.wp.com\/itayachtscanada.com\/wp-content\/uploads\/2025\/02\/Capture-decran-le-2025-02-01-a-10.13.42.jpg?resize=300%2C199&amp;ssl=1 300w, https:\/\/i0.wp.com\/itayachtscanada.com\/wp-content\/uploads\/2025\/02\/Capture-decran-le-2025-02-01-a-10.13.42.jpg?resize=1024%2C680&amp;ssl=1 1024w, https:\/\/i0.wp.com\/itayachtscanada.com\/wp-content\/uploads\/2025\/02\/Capture-decran-le-2025-02-01-a-10.13.42.jpg?resize=768%2C510&amp;ssl=1 768w, https:\/\/i0.wp.com\/itayachtscanada.com\/wp-content\/uploads\/2025\/02\/Capture-decran-le-2025-02-01-a-10.13.42.jpg?resize=700%2C465&amp;ssl=1 700w, https:\/\/i0.wp.com\/itayachtscanada.com\/wp-content\/uploads\/2025\/02\/Capture-decran-le-2025-02-01-a-10.13.42.jpg?resize=900%2C600&amp;ssl=1 900w, https:\/\/i0.wp.com\/itayachtscanada.com\/wp-content\/uploads\/2025\/02\/Capture-decran-le-2025-02-01-a-10.13.42.jpg?resize=602%2C400&amp;ssl=1 602w, https:\/\/i0.wp.com\/itayachtscanada.com\/wp-content\/uploads\/2025\/02\/Capture-decran-le-2025-02-01-a-10.13.42.jpg?w=1400&amp;ssl=1 1400w\" width=\"346\" height=\"230\" loading=\"lazy\" data-original-width=\"346\" data-original-height=\"230\" itemprop=\"http:\/\/schema.org\/image\" title=\"Capture d\u2019e\u0301cran, le 2025-02-01 a\u0300 10.13.42\" alt=\"Capture d\u2019e\u0301cran, le 2025-02-01 a\u0300 10.13.42\" style=\"width: 346px; height: 230px;\" \/> <\/a> <\/div> <\/div> <!-- close group --> <div class=\"gallery-group images-1\" style=\"width: 350px; height: 234px;\" data-original-width=\"350\" data-original-height=\"234\" > <div class=\"tiled-gallery-item tiled-gallery-item-large\" itemprop=\"associatedMedia\" itemscope itemtype=\"http:\/\/schema.org\/ImageObject\"> <a href=\"https:\/\/itayachtscanada.com\/fr\/listing\/allseas-yacht-92-explorer-expedition-2010-4500000-usd-for-sale\/capture-decran-le-2025-02-01-a-10-13-45\/\" border=\"0\" itemprop=\"url\"> <meta itemprop=\"width\" content=\"346\"> <meta itemprop=\"height\" content=\"230\"> <img decoding=\"async\" class=\"\" data-attachment-id=\"202856\" data-orig-file=\"https:\/\/itayachtscanada.com\/wp-content\/uploads\/2025\/02\/Capture-decran-le-2025-02-01-a-10.13.45.jpg\" data-orig-size=\"1536,1020\" data-comments-opened=\"1\" data-image-meta=\"{&quot;aperture&quot;:&quot;0&quot;,&quot;credit&quot;:&quot;&quot;,&quot;camera&quot;:&quot;&quot;,&quot;caption&quot;:&quot;&quot;,&quot;created_timestamp&quot;:&quot;0&quot;,&quot;copyright&quot;:&quot;&quot;,&quot;focal_length&quot;:&quot;0&quot;,&quot;iso&quot;:&quot;0&quot;,&quot;shutter_speed&quot;:&quot;0&quot;,&quot;title&quot;:&quot;&quot;,&quot;orientation&quot;:&quot;0&quot;}\" data-image-title=\"Capture d\u2019e\u0301cran, le 2025-02-01 a\u0300 10.13.45\" data-image-description=\"\" data-medium-file=\"https:\/\/i0.wp.com\/itayachtscanada.com\/wp-content\/uploads\/2025\/02\/Capture-decran-le-2025-02-01-a-10.13.45.jpg?fit=300%2C199&#038;ssl=1\" data-large-file=\"https:\/\/i0.wp.com\/itayachtscanada.com\/wp-content\/uploads\/2025\/02\/Capture-decran-le-2025-02-01-a-10.13.45.jpg?fit=700%2C465&#038;ssl=1\" src=\"https:\/\/i0.wp.com\/itayachtscanada.com\/wp-content\/uploads\/2025\/02\/Capture-decran-le-2025-02-01-a-10.13.45.jpg?w=346&#038;h=230&#038;ssl=1\" srcset=\"https:\/\/i0.wp.com\/itayachtscanada.com\/wp-content\/uploads\/2025\/02\/Capture-decran-le-2025-02-01-a-10.13.45.jpg?w=1536&amp;ssl=1 1536w, https:\/\/i0.wp.com\/itayachtscanada.com\/wp-content\/uploads\/2025\/02\/Capture-decran-le-2025-02-01-a-10.13.45.jpg?resize=300%2C199&amp;ssl=1 300w, https:\/\/i0.wp.com\/itayachtscanada.com\/wp-content\/uploads\/2025\/02\/Capture-decran-le-2025-02-01-a-10.13.45.jpg?resize=1024%2C680&amp;ssl=1 1024w, https:\/\/i0.wp.com\/itayachtscanada.com\/wp-content\/uploads\/2025\/02\/Capture-decran-le-2025-02-01-a-10.13.45.jpg?resize=768%2C510&amp;ssl=1 768w, https:\/\/i0.wp.com\/itayachtscanada.com\/wp-content\/uploads\/2025\/02\/Capture-decran-le-2025-02-01-a-10.13.45.jpg?resize=700%2C465&amp;ssl=1 700w, https:\/\/i0.wp.com\/itayachtscanada.com\/wp-content\/uploads\/2025\/02\/Capture-decran-le-2025-02-01-a-10.13.45.jpg?resize=900%2C600&amp;ssl=1 900w, https:\/\/i0.wp.com\/itayachtscanada.com\/wp-content\/uploads\/2025\/02\/Capture-decran-le-2025-02-01-a-10.13.45.jpg?resize=602%2C400&amp;ssl=1 602w, https:\/\/i0.wp.com\/itayachtscanada.com\/wp-content\/uploads\/2025\/02\/Capture-decran-le-2025-02-01-a-10.13.45.jpg?w=1400&amp;ssl=1 1400w\" width=\"346\" height=\"230\" loading=\"lazy\" data-original-width=\"346\" data-original-height=\"230\" itemprop=\"http:\/\/schema.org\/image\" title=\"Capture d\u2019e\u0301cran, le 2025-02-01 a\u0300 10.13.45\" alt=\"Capture d\u2019e\u0301cran, le 2025-02-01 a\u0300 10.13.45\" style=\"width: 346px; height: 230px;\" \/> <\/a> <\/div> <\/div> <!-- close group --> <\/div> <!-- close row --> <div class=\"gallery-row\" style=\"width: 700px; height: 196px;\" data-original-width=\"700\" data-original-height=\"196\" > <div class=\"gallery-group images-1\" style=\"width: 353px; height: 196px;\" data-original-width=\"353\" data-original-height=\"196\" > <div class=\"tiled-gallery-item tiled-gallery-item-large\" itemprop=\"associatedMedia\" itemscope itemtype=\"http:\/\/schema.org\/ImageObject\"> <a href=\"https:\/\/itayachtscanada.com\/fr\/listing\/allseas-yacht-92-explorer-expedition-2010-4500000-usd-for-sale\/capture-decran-le-2025-02-01-a-10-20-04\/\" border=\"0\" itemprop=\"url\"> <meta itemprop=\"width\" content=\"349\"> <meta itemprop=\"height\" content=\"192\"> <img decoding=\"async\" class=\"\" data-attachment-id=\"202844\" data-orig-file=\"https:\/\/itayachtscanada.com\/wp-content\/uploads\/2025\/02\/Capture-decran-le-2025-02-01-a-10.20.04.jpg\" data-orig-size=\"2052,1128\" data-comments-opened=\"1\" data-image-meta=\"{&quot;aperture&quot;:&quot;0&quot;,&quot;credit&quot;:&quot;&quot;,&quot;camera&quot;:&quot;&quot;,&quot;caption&quot;:&quot;&quot;,&quot;created_timestamp&quot;:&quot;0&quot;,&quot;copyright&quot;:&quot;&quot;,&quot;focal_length&quot;:&quot;0&quot;,&quot;iso&quot;:&quot;0&quot;,&quot;shutter_speed&quot;:&quot;0&quot;,&quot;title&quot;:&quot;&quot;,&quot;orientation&quot;:&quot;0&quot;}\" data-image-title=\"Capture d\u2019e\u0301cran, le 2025-02-01 a\u0300 10.20.04\" data-image-description=\"\" data-medium-file=\"https:\/\/i0.wp.com\/itayachtscanada.com\/wp-content\/uploads\/2025\/02\/Capture-decran-le-2025-02-01-a-10.20.04.jpg?fit=300%2C165&#038;ssl=1\" data-large-file=\"https:\/\/i0.wp.com\/itayachtscanada.com\/wp-content\/uploads\/2025\/02\/Capture-decran-le-2025-02-01-a-10.20.04.jpg?fit=700%2C385&#038;ssl=1\" src=\"https:\/\/i0.wp.com\/itayachtscanada.com\/wp-content\/uploads\/2025\/02\/Capture-decran-le-2025-02-01-a-10.20.04.jpg?w=349&#038;h=192&#038;ssl=1\" srcset=\"https:\/\/i0.wp.com\/itayachtscanada.com\/wp-content\/uploads\/2025\/02\/Capture-decran-le-2025-02-01-a-10.20.04.jpg?w=2052&amp;ssl=1 2052w, https:\/\/i0.wp.com\/itayachtscanada.com\/wp-content\/uploads\/2025\/02\/Capture-decran-le-2025-02-01-a-10.20.04.jpg?resize=300%2C165&amp;ssl=1 300w, https:\/\/i0.wp.com\/itayachtscanada.com\/wp-content\/uploads\/2025\/02\/Capture-decran-le-2025-02-01-a-10.20.04.jpg?resize=1024%2C563&amp;ssl=1 1024w, https:\/\/i0.wp.com\/itayachtscanada.com\/wp-content\/uploads\/2025\/02\/Capture-decran-le-2025-02-01-a-10.20.04.jpg?resize=768%2C422&amp;ssl=1 768w, https:\/\/i0.wp.com\/itayachtscanada.com\/wp-content\/uploads\/2025\/02\/Capture-decran-le-2025-02-01-a-10.20.04.jpg?resize=1536%2C844&amp;ssl=1 1536w, https:\/\/i0.wp.com\/itayachtscanada.com\/wp-content\/uploads\/2025\/02\/Capture-decran-le-2025-02-01-a-10.20.04.jpg?resize=2048%2C1126&amp;ssl=1 2048w, https:\/\/i0.wp.com\/itayachtscanada.com\/wp-content\/uploads\/2025\/02\/Capture-decran-le-2025-02-01-a-10.20.04.jpg?resize=700%2C385&amp;ssl=1 700w, https:\/\/i0.wp.com\/itayachtscanada.com\/wp-content\/uploads\/2025\/02\/Capture-decran-le-2025-02-01-a-10.20.04.jpg?resize=2000%2C1099&amp;ssl=1 2000w, https:\/\/i0.wp.com\/itayachtscanada.com\/wp-content\/uploads\/2025\/02\/Capture-decran-le-2025-02-01-a-10.20.04.jpg?resize=728%2C400&amp;ssl=1 728w, https:\/\/i0.wp.com\/itayachtscanada.com\/wp-content\/uploads\/2025\/02\/Capture-decran-le-2025-02-01-a-10.20.04.jpg?w=1400&amp;ssl=1 1400w\" width=\"349\" height=\"192\" loading=\"lazy\" data-original-width=\"349\" data-original-height=\"192\" itemprop=\"http:\/\/schema.org\/image\" title=\"Capture d\u2019e\u0301cran, le 2025-02-01 a\u0300 10.20.04\" alt=\"Capture d\u2019e\u0301cran, le 2025-02-01 a\u0300 10.20.04\" style=\"width: 349px; height: 192px;\" \/> <\/a> <\/div> <\/div> <!-- close group --> <div class=\"gallery-group images-1\" style=\"width: 347px; height: 196px;\" data-original-width=\"347\" data-original-height=\"196\" > <div class=\"tiled-gallery-item tiled-gallery-item-large\" itemprop=\"associatedMedia\" itemscope itemtype=\"http:\/\/schema.org\/ImageObject\"> <a href=\"https:\/\/itayachtscanada.com\/fr\/listing\/allseas-yacht-92-explorer-expedition-2010-4500000-usd-for-sale\/capture-decran-le-2025-02-01-a-10-19-54\/\" border=\"0\" itemprop=\"url\"> <meta itemprop=\"width\" content=\"343\"> <meta itemprop=\"height\" content=\"192\"> <img decoding=\"async\" class=\"\" data-attachment-id=\"202845\" data-orig-file=\"https:\/\/itayachtscanada.com\/wp-content\/uploads\/2025\/02\/Capture-decran-le-2025-02-01-a-10.19.54.jpg\" data-orig-size=\"2052,1148\" data-comments-opened=\"1\" data-image-meta=\"{&quot;aperture&quot;:&quot;0&quot;,&quot;credit&quot;:&quot;&quot;,&quot;camera&quot;:&quot;&quot;,&quot;caption&quot;:&quot;&quot;,&quot;created_timestamp&quot;:&quot;0&quot;,&quot;copyright&quot;:&quot;&quot;,&quot;focal_length&quot;:&quot;0&quot;,&quot;iso&quot;:&quot;0&quot;,&quot;shutter_speed&quot;:&quot;0&quot;,&quot;title&quot;:&quot;&quot;,&quot;orientation&quot;:&quot;0&quot;}\" data-image-title=\"Capture d\u2019e\u0301cran, le 2025-02-01 a\u0300 10.19.54\" data-image-description=\"\" data-medium-file=\"https:\/\/i0.wp.com\/itayachtscanada.com\/wp-content\/uploads\/2025\/02\/Capture-decran-le-2025-02-01-a-10.19.54.jpg?fit=300%2C168&#038;ssl=1\" data-large-file=\"https:\/\/i0.wp.com\/itayachtscanada.com\/wp-content\/uploads\/2025\/02\/Capture-decran-le-2025-02-01-a-10.19.54.jpg?fit=700%2C392&#038;ssl=1\" src=\"https:\/\/i0.wp.com\/itayachtscanada.com\/wp-content\/uploads\/2025\/02\/Capture-decran-le-2025-02-01-a-10.19.54.jpg?w=343&#038;h=192&#038;ssl=1\" srcset=\"https:\/\/i0.wp.com\/itayachtscanada.com\/wp-content\/uploads\/2025\/02\/Capture-decran-le-2025-02-01-a-10.19.54.jpg?w=2052&amp;ssl=1 2052w, https:\/\/i0.wp.com\/itayachtscanada.com\/wp-content\/uploads\/2025\/02\/Capture-decran-le-2025-02-01-a-10.19.54.jpg?resize=300%2C168&amp;ssl=1 300w, https:\/\/i0.wp.com\/itayachtscanada.com\/wp-content\/uploads\/2025\/02\/Capture-decran-le-2025-02-01-a-10.19.54.jpg?resize=1024%2C573&amp;ssl=1 1024w, https:\/\/i0.wp.com\/itayachtscanada.com\/wp-content\/uploads\/2025\/02\/Capture-decran-le-2025-02-01-a-10.19.54.jpg?resize=768%2C430&amp;ssl=1 768w, https:\/\/i0.wp.com\/itayachtscanada.com\/wp-content\/uploads\/2025\/02\/Capture-decran-le-2025-02-01-a-10.19.54.jpg?resize=1536%2C859&amp;ssl=1 1536w, https:\/\/i0.wp.com\/itayachtscanada.com\/wp-content\/uploads\/2025\/02\/Capture-decran-le-2025-02-01-a-10.19.54.jpg?resize=2048%2C1146&amp;ssl=1 2048w, https:\/\/i0.wp.com\/itayachtscanada.com\/wp-content\/uploads\/2025\/02\/Capture-decran-le-2025-02-01-a-10.19.54.jpg?resize=700%2C392&amp;ssl=1 700w, https:\/\/i0.wp.com\/itayachtscanada.com\/wp-content\/uploads\/2025\/02\/Capture-decran-le-2025-02-01-a-10.19.54.jpg?resize=2000%2C1119&amp;ssl=1 2000w, https:\/\/i0.wp.com\/itayachtscanada.com\/wp-content\/uploads\/2025\/02\/Capture-decran-le-2025-02-01-a-10.19.54.jpg?resize=715%2C400&amp;ssl=1 715w, https:\/\/i0.wp.com\/itayachtscanada.com\/wp-content\/uploads\/2025\/02\/Capture-decran-le-2025-02-01-a-10.19.54.jpg?w=1400&amp;ssl=1 1400w\" width=\"343\" height=\"192\" loading=\"lazy\" data-original-width=\"343\" data-original-height=\"192\" itemprop=\"http:\/\/schema.org\/image\" title=\"Capture d\u2019e\u0301cran, le 2025-02-01 a\u0300 10.19.54\" alt=\"Capture d\u2019e\u0301cran, le 2025-02-01 a\u0300 10.19.54\" style=\"width: 343px; height: 192px;\" \/> <\/a> <\/div> <\/div> <!-- close group --> <\/div> <!-- close row --> <div class=\"gallery-row\" style=\"width: 700px; height: 406px;\" data-original-width=\"700\" data-original-height=\"406\" > <div class=\"gallery-group images-3\" style=\"width: 213px; height: 406px;\" data-original-width=\"213\" data-original-height=\"406\" > <div class=\"tiled-gallery-item tiled-gallery-item-small\" itemprop=\"associatedMedia\" itemscope itemtype=\"http:\/\/schema.org\/ImageObject\"> <a href=\"https:\/\/itayachtscanada.com\/fr\/listing\/allseas-yacht-92-explorer-expedition-2010-4500000-usd-for-sale\/capture-decran-le-2025-02-01-a-10-41-20\/\" border=\"0\" itemprop=\"url\"> <meta itemprop=\"width\" content=\"209\"> <meta itemprop=\"height\" content=\"117\"> <img decoding=\"async\" class=\"\" data-attachment-id=\"202882\" data-orig-file=\"https:\/\/itayachtscanada.com\/wp-content\/uploads\/2025\/02\/Capture-decran-le-2025-02-01-a-10.41.20.jpg\" data-orig-size=\"2402,1346\" data-comments-opened=\"1\" data-image-meta=\"{&quot;aperture&quot;:&quot;0&quot;,&quot;credit&quot;:&quot;&quot;,&quot;camera&quot;:&quot;&quot;,&quot;caption&quot;:&quot;&quot;,&quot;created_timestamp&quot;:&quot;0&quot;,&quot;copyright&quot;:&quot;&quot;,&quot;focal_length&quot;:&quot;0&quot;,&quot;iso&quot;:&quot;0&quot;,&quot;shutter_speed&quot;:&quot;0&quot;,&quot;title&quot;:&quot;&quot;,&quot;orientation&quot;:&quot;0&quot;}\" data-image-title=\"Capture d\u2019e\u0301cran, le 2025-02-01 a\u0300 10.41.20\" data-image-description=\"\" data-medium-file=\"https:\/\/i0.wp.com\/itayachtscanada.com\/wp-content\/uploads\/2025\/02\/Capture-decran-le-2025-02-01-a-10.41.20.jpg?fit=300%2C168&#038;ssl=1\" data-large-file=\"https:\/\/i0.wp.com\/itayachtscanada.com\/wp-content\/uploads\/2025\/02\/Capture-decran-le-2025-02-01-a-10.41.20.jpg?fit=700%2C392&#038;ssl=1\" src=\"https:\/\/i0.wp.com\/itayachtscanada.com\/wp-content\/uploads\/2025\/02\/Capture-decran-le-2025-02-01-a-10.41.20.jpg?w=209&#038;h=117&#038;ssl=1\" srcset=\"https:\/\/i0.wp.com\/itayachtscanada.com\/wp-content\/uploads\/2025\/02\/Capture-decran-le-2025-02-01-a-10.41.20.jpg?w=2402&amp;ssl=1 2402w, https:\/\/i0.wp.com\/itayachtscanada.com\/wp-content\/uploads\/2025\/02\/Capture-decran-le-2025-02-01-a-10.41.20.jpg?resize=300%2C168&amp;ssl=1 300w, https:\/\/i0.wp.com\/itayachtscanada.com\/wp-content\/uploads\/2025\/02\/Capture-decran-le-2025-02-01-a-10.41.20.jpg?resize=1024%2C574&amp;ssl=1 1024w, https:\/\/i0.wp.com\/itayachtscanada.com\/wp-content\/uploads\/2025\/02\/Capture-decran-le-2025-02-01-a-10.41.20.jpg?resize=768%2C430&amp;ssl=1 768w, https:\/\/i0.wp.com\/itayachtscanada.com\/wp-content\/uploads\/2025\/02\/Capture-decran-le-2025-02-01-a-10.41.20.jpg?resize=1536%2C861&amp;ssl=1 1536w, https:\/\/i0.wp.com\/itayachtscanada.com\/wp-content\/uploads\/2025\/02\/Capture-decran-le-2025-02-01-a-10.41.20.jpg?resize=2048%2C1148&amp;ssl=1 2048w, https:\/\/i0.wp.com\/itayachtscanada.com\/wp-content\/uploads\/2025\/02\/Capture-decran-le-2025-02-01-a-10.41.20.jpg?resize=700%2C392&amp;ssl=1 700w, https:\/\/i0.wp.com\/itayachtscanada.com\/wp-content\/uploads\/2025\/02\/Capture-decran-le-2025-02-01-a-10.41.20.jpg?resize=2000%2C1121&amp;ssl=1 2000w, https:\/\/i0.wp.com\/itayachtscanada.com\/wp-content\/uploads\/2025\/02\/Capture-decran-le-2025-02-01-a-10.41.20.jpg?resize=714%2C400&amp;ssl=1 714w, https:\/\/i0.wp.com\/itayachtscanada.com\/wp-content\/uploads\/2025\/02\/Capture-decran-le-2025-02-01-a-10.41.20.jpg?w=1400&amp;ssl=1 1400w, https:\/\/i0.wp.com\/itayachtscanada.com\/wp-content\/uploads\/2025\/02\/Capture-decran-le-2025-02-01-a-10.41.20.jpg?w=2100&amp;ssl=1 2100w\" width=\"209\" height=\"117\" loading=\"lazy\" data-original-width=\"209\" data-original-height=\"117\" itemprop=\"http:\/\/schema.org\/image\" title=\"Capture d\u2019e\u0301cran, le 2025-02-01 a\u0300 10.41.20\" alt=\"Capture d\u2019e\u0301cran, le 2025-02-01 a\u0300 10.41.20\" style=\"width: 209px; height: 117px;\" \/> <\/a> <\/div> <div class=\"tiled-gallery-item tiled-gallery-item-small\" itemprop=\"associatedMedia\" itemscope itemtype=\"http:\/\/schema.org\/ImageObject\"> <a href=\"https:\/\/itayachtscanada.com\/fr\/listing\/allseas-yacht-92-explorer-expedition-2010-4500000-usd-for-sale\/capture-decran-le-2025-02-01-a-10-13-39\/\" border=\"0\" itemprop=\"url\"> <meta itemprop=\"width\" content=\"209\"> <meta itemprop=\"height\" content=\"139\"> <img decoding=\"async\" class=\"\" data-attachment-id=\"202858\" data-orig-file=\"https:\/\/itayachtscanada.com\/wp-content\/uploads\/2025\/02\/Capture-decran-le-2025-02-01-a-10.13.39.jpg\" data-orig-size=\"1536,1020\" data-comments-opened=\"1\" data-image-meta=\"{&quot;aperture&quot;:&quot;0&quot;,&quot;credit&quot;:&quot;&quot;,&quot;camera&quot;:&quot;&quot;,&quot;caption&quot;:&quot;&quot;,&quot;created_timestamp&quot;:&quot;0&quot;,&quot;copyright&quot;:&quot;&quot;,&quot;focal_length&quot;:&quot;0&quot;,&quot;iso&quot;:&quot;0&quot;,&quot;shutter_speed&quot;:&quot;0&quot;,&quot;title&quot;:&quot;&quot;,&quot;orientation&quot;:&quot;0&quot;}\" data-image-title=\"Capture d\u2019e\u0301cran, le 2025-02-01 a\u0300 10.13.39\" data-image-description=\"\" data-medium-file=\"https:\/\/i0.wp.com\/itayachtscanada.com\/wp-content\/uploads\/2025\/02\/Capture-decran-le-2025-02-01-a-10.13.39.jpg?fit=300%2C199&#038;ssl=1\" data-large-file=\"https:\/\/i0.wp.com\/itayachtscanada.com\/wp-content\/uploads\/2025\/02\/Capture-decran-le-2025-02-01-a-10.13.39.jpg?fit=700%2C465&#038;ssl=1\" src=\"https:\/\/i0.wp.com\/itayachtscanada.com\/wp-content\/uploads\/2025\/02\/Capture-decran-le-2025-02-01-a-10.13.39.jpg?w=209&#038;h=139&#038;ssl=1\" srcset=\"https:\/\/i0.wp.com\/itayachtscanada.com\/wp-content\/uploads\/2025\/02\/Capture-decran-le-2025-02-01-a-10.13.39.jpg?w=1536&amp;ssl=1 1536w, https:\/\/i0.wp.com\/itayachtscanada.com\/wp-content\/uploads\/2025\/02\/Capture-decran-le-2025-02-01-a-10.13.39.jpg?resize=300%2C199&amp;ssl=1 300w, https:\/\/i0.wp.com\/itayachtscanada.com\/wp-content\/uploads\/2025\/02\/Capture-decran-le-2025-02-01-a-10.13.39.jpg?resize=1024%2C680&amp;ssl=1 1024w, https:\/\/i0.wp.com\/itayachtscanada.com\/wp-content\/uploads\/2025\/02\/Capture-decran-le-2025-02-01-a-10.13.39.jpg?resize=768%2C510&amp;ssl=1 768w, https:\/\/i0.wp.com\/itayachtscanada.com\/wp-content\/uploads\/2025\/02\/Capture-decran-le-2025-02-01-a-10.13.39.jpg?resize=700%2C465&amp;ssl=1 700w, https:\/\/i0.wp.com\/itayachtscanada.com\/wp-content\/uploads\/2025\/02\/Capture-decran-le-2025-02-01-a-10.13.39.jpg?resize=900%2C600&amp;ssl=1 900w, https:\/\/i0.wp.com\/itayachtscanada.com\/wp-content\/uploads\/2025\/02\/Capture-decran-le-2025-02-01-a-10.13.39.jpg?resize=602%2C400&amp;ssl=1 602w, https:\/\/i0.wp.com\/itayachtscanada.com\/wp-content\/uploads\/2025\/02\/Capture-decran-le-2025-02-01-a-10.13.39.jpg?w=1400&amp;ssl=1 1400w\" width=\"209\" height=\"139\" loading=\"lazy\" data-original-width=\"209\" data-original-height=\"139\" itemprop=\"http:\/\/schema.org\/image\" title=\"Capture d\u2019e\u0301cran, le 2025-02-01 a\u0300 10.13.39\" alt=\"Capture d\u2019e\u0301cran, le 2025-02-01 a\u0300 10.13.39\" style=\"width: 209px; height: 139px;\" \/> <\/a> <\/div> <div class=\"tiled-gallery-item tiled-gallery-item-small\" itemprop=\"associatedMedia\" itemscope itemtype=\"http:\/\/schema.org\/ImageObject\"> <a href=\"https:\/\/itayachtscanada.com\/fr\/listing\/allseas-yacht-92-explorer-expedition-2010-4500000-usd-for-sale\/capture-decran-le-2025-02-01-a-10-14-00\/\" border=\"0\" itemprop=\"url\"> <meta itemprop=\"width\" content=\"209\"> <meta itemprop=\"height\" content=\"138\"> <img decoding=\"async\" class=\"\" data-attachment-id=\"202853\" data-orig-file=\"https:\/\/itayachtscanada.com\/wp-content\/uploads\/2025\/02\/Capture-decran-le-2025-02-01-a-10.14.00.jpg\" data-orig-size=\"1546,1020\" data-comments-opened=\"1\" data-image-meta=\"{&quot;aperture&quot;:&quot;0&quot;,&quot;credit&quot;:&quot;&quot;,&quot;camera&quot;:&quot;&quot;,&quot;caption&quot;:&quot;&quot;,&quot;created_timestamp&quot;:&quot;0&quot;,&quot;copyright&quot;:&quot;&quot;,&quot;focal_length&quot;:&quot;0&quot;,&quot;iso&quot;:&quot;0&quot;,&quot;shutter_speed&quot;:&quot;0&quot;,&quot;title&quot;:&quot;&quot;,&quot;orientation&quot;:&quot;0&quot;}\" data-image-title=\"Capture d\u2019e\u0301cran, le 2025-02-01 a\u0300 10.14.00\" data-image-description=\"\" data-medium-file=\"https:\/\/i0.wp.com\/itayachtscanada.com\/wp-content\/uploads\/2025\/02\/Capture-decran-le-2025-02-01-a-10.14.00.jpg?fit=300%2C198&#038;ssl=1\" data-large-file=\"https:\/\/i0.wp.com\/itayachtscanada.com\/wp-content\/uploads\/2025\/02\/Capture-decran-le-2025-02-01-a-10.14.00.jpg?fit=700%2C462&#038;ssl=1\" src=\"https:\/\/i0.wp.com\/itayachtscanada.com\/wp-content\/uploads\/2025\/02\/Capture-decran-le-2025-02-01-a-10.14.00.jpg?w=209&#038;h=138&#038;ssl=1\" srcset=\"https:\/\/i0.wp.com\/itayachtscanada.com\/wp-content\/uploads\/2025\/02\/Capture-decran-le-2025-02-01-a-10.14.00.jpg?w=1546&amp;ssl=1 1546w, https:\/\/i0.wp.com\/itayachtscanada.com\/wp-content\/uploads\/2025\/02\/Capture-decran-le-2025-02-01-a-10.14.00.jpg?resize=300%2C198&amp;ssl=1 300w, https:\/\/i0.wp.com\/itayachtscanada.com\/wp-content\/uploads\/2025\/02\/Capture-decran-le-2025-02-01-a-10.14.00.jpg?resize=1024%2C676&amp;ssl=1 1024w, https:\/\/i0.wp.com\/itayachtscanada.com\/wp-content\/uploads\/2025\/02\/Capture-decran-le-2025-02-01-a-10.14.00.jpg?resize=768%2C507&amp;ssl=1 768w, https:\/\/i0.wp.com\/itayachtscanada.com\/wp-content\/uploads\/2025\/02\/Capture-decran-le-2025-02-01-a-10.14.00.jpg?resize=1536%2C1013&amp;ssl=1 1536w, https:\/\/i0.wp.com\/itayachtscanada.com\/wp-content\/uploads\/2025\/02\/Capture-decran-le-2025-02-01-a-10.14.00.jpg?resize=700%2C462&amp;ssl=1 700w, https:\/\/i0.wp.com\/itayachtscanada.com\/wp-content\/uploads\/2025\/02\/Capture-decran-le-2025-02-01-a-10.14.00.jpg?resize=900%2C600&amp;ssl=1 900w, https:\/\/i0.wp.com\/itayachtscanada.com\/wp-content\/uploads\/2025\/02\/Capture-decran-le-2025-02-01-a-10.14.00.jpg?resize=606%2C400&amp;ssl=1 606w, https:\/\/i0.wp.com\/itayachtscanada.com\/wp-content\/uploads\/2025\/02\/Capture-decran-le-2025-02-01-a-10.14.00.jpg?w=1400&amp;ssl=1 1400w\" width=\"209\" height=\"138\" loading=\"lazy\" data-original-width=\"209\" data-original-height=\"138\" itemprop=\"http:\/\/schema.org\/image\" title=\"Capture d\u2019e\u0301cran, le 2025-02-01 a\u0300 10.14.00\" alt=\"Capture d\u2019e\u0301cran, le 2025-02-01 a\u0300 10.14.00\" style=\"width: 209px; height: 138px;\" \/> <\/a> <\/div> <\/div> <!-- close group --> <div class=\"gallery-group images-1\" style=\"width: 273px; height: 406px;\" data-original-width=\"273\" data-original-height=\"406\" > <div class=\"tiled-gallery-item tiled-gallery-item-large\" itemprop=\"associatedMedia\" itemscope itemtype=\"http:\/\/schema.org\/ImageObject\"> <a href=\"https:\/\/itayachtscanada.com\/fr\/listing\/allseas-yacht-92-explorer-expedition-2010-4500000-usd-for-sale\/capture-decran-le-2025-02-01-a-10-17-59\/\" border=\"0\" itemprop=\"url\"> <meta itemprop=\"width\" content=\"269\"> <meta itemprop=\"height\" content=\"402\"> <img decoding=\"async\" class=\"\" data-attachment-id=\"202847\" data-orig-file=\"https:\/\/itayachtscanada.com\/wp-content\/uploads\/2025\/02\/Capture-decran-le-2025-02-01-a-10.17.59.jpg\" data-orig-size=\"950,1420\" data-comments-opened=\"1\" data-image-meta=\"{&quot;aperture&quot;:&quot;0&quot;,&quot;credit&quot;:&quot;&quot;,&quot;camera&quot;:&quot;&quot;,&quot;caption&quot;:&quot;&quot;,&quot;created_timestamp&quot;:&quot;0&quot;,&quot;copyright&quot;:&quot;&quot;,&quot;focal_length&quot;:&quot;0&quot;,&quot;iso&quot;:&quot;0&quot;,&quot;shutter_speed&quot;:&quot;0&quot;,&quot;title&quot;:&quot;&quot;,&quot;orientation&quot;:&quot;0&quot;}\" data-image-title=\"Capture d\u2019e\u0301cran, le 2025-02-01 a\u0300 10.17.59\" data-image-description=\"\" data-medium-file=\"https:\/\/i0.wp.com\/itayachtscanada.com\/wp-content\/uploads\/2025\/02\/Capture-decran-le-2025-02-01-a-10.17.59.jpg?fit=201%2C300&#038;ssl=1\" data-large-file=\"https:\/\/i0.wp.com\/itayachtscanada.com\/wp-content\/uploads\/2025\/02\/Capture-decran-le-2025-02-01-a-10.17.59.jpg?fit=685%2C1024&#038;ssl=1\" src=\"https:\/\/i0.wp.com\/itayachtscanada.com\/wp-content\/uploads\/2025\/02\/Capture-decran-le-2025-02-01-a-10.17.59.jpg?w=269&#038;h=402&#038;ssl=1\" srcset=\"https:\/\/i0.wp.com\/itayachtscanada.com\/wp-content\/uploads\/2025\/02\/Capture-decran-le-2025-02-01-a-10.17.59.jpg?w=950&amp;ssl=1 950w, https:\/\/i0.wp.com\/itayachtscanada.com\/wp-content\/uploads\/2025\/02\/Capture-decran-le-2025-02-01-a-10.17.59.jpg?resize=201%2C300&amp;ssl=1 201w, https:\/\/i0.wp.com\/itayachtscanada.com\/wp-content\/uploads\/2025\/02\/Capture-decran-le-2025-02-01-a-10.17.59.jpg?resize=685%2C1024&amp;ssl=1 685w, https:\/\/i0.wp.com\/itayachtscanada.com\/wp-content\/uploads\/2025\/02\/Capture-decran-le-2025-02-01-a-10.17.59.jpg?resize=768%2C1148&amp;ssl=1 768w, https:\/\/i0.wp.com\/itayachtscanada.com\/wp-content\/uploads\/2025\/02\/Capture-decran-le-2025-02-01-a-10.17.59.jpg?resize=700%2C1046&amp;ssl=1 700w, https:\/\/i0.wp.com\/itayachtscanada.com\/wp-content\/uploads\/2025\/02\/Capture-decran-le-2025-02-01-a-10.17.59.jpg?resize=268%2C400&amp;ssl=1 268w\" width=\"269\" height=\"402\" loading=\"lazy\" data-original-width=\"269\" data-original-height=\"402\" itemprop=\"http:\/\/schema.org\/image\" title=\"Capture d\u2019e\u0301cran, le 2025-02-01 a\u0300 10.17.59\" alt=\"Capture d\u2019e\u0301cran, le 2025-02-01 a\u0300 10.17.59\" style=\"width: 269px; height: 402px;\" \/> <\/a> <\/div> <\/div> <!-- close group --> <div class=\"gallery-group images-3\" style=\"width: 214px; height: 406px;\" data-original-width=\"214\" data-original-height=\"406\" > <div class=\"tiled-gallery-item tiled-gallery-item-small\" itemprop=\"associatedMedia\" itemscope itemtype=\"http:\/\/schema.org\/ImageObject\"> <a href=\"https:\/\/itayachtscanada.com\/fr\/listing\/allseas-yacht-92-explorer-expedition-2010-4500000-usd-for-sale\/capture-decran-le-2025-02-01-a-10-14-13\/\" border=\"0\" itemprop=\"url\"> <meta itemprop=\"width\" content=\"210\"> <meta itemprop=\"height\" content=\"139\"> <img decoding=\"async\" class=\"\" data-attachment-id=\"202851\" data-orig-file=\"https:\/\/itayachtscanada.com\/wp-content\/uploads\/2025\/02\/Capture-decran-le-2025-02-01-a-10.14.13.jpg\" data-orig-size=\"1546,1020\" data-comments-opened=\"1\" data-image-meta=\"{&quot;aperture&quot;:&quot;0&quot;,&quot;credit&quot;:&quot;&quot;,&quot;camera&quot;:&quot;&quot;,&quot;caption&quot;:&quot;&quot;,&quot;created_timestamp&quot;:&quot;0&quot;,&quot;copyright&quot;:&quot;&quot;,&quot;focal_length&quot;:&quot;0&quot;,&quot;iso&quot;:&quot;0&quot;,&quot;shutter_speed&quot;:&quot;0&quot;,&quot;title&quot;:&quot;&quot;,&quot;orientation&quot;:&quot;0&quot;}\" data-image-title=\"Capture d\u2019e\u0301cran, le 2025-02-01 a\u0300 10.14.13\" data-image-description=\"\" data-medium-file=\"https:\/\/i0.wp.com\/itayachtscanada.com\/wp-content\/uploads\/2025\/02\/Capture-decran-le-2025-02-01-a-10.14.13.jpg?fit=300%2C198&#038;ssl=1\" data-large-file=\"https:\/\/i0.wp.com\/itayachtscanada.com\/wp-content\/uploads\/2025\/02\/Capture-decran-le-2025-02-01-a-10.14.13.jpg?fit=700%2C462&#038;ssl=1\" src=\"https:\/\/i0.wp.com\/itayachtscanada.com\/wp-content\/uploads\/2025\/02\/Capture-decran-le-2025-02-01-a-10.14.13.jpg?w=210&#038;h=139&#038;ssl=1\" srcset=\"https:\/\/i0.wp.com\/itayachtscanada.com\/wp-content\/uploads\/2025\/02\/Capture-decran-le-2025-02-01-a-10.14.13.jpg?w=1546&amp;ssl=1 1546w, https:\/\/i0.wp.com\/itayachtscanada.com\/wp-content\/uploads\/2025\/02\/Capture-decran-le-2025-02-01-a-10.14.13.jpg?resize=300%2C198&amp;ssl=1 300w, https:\/\/i0.wp.com\/itayachtscanada.com\/wp-content\/uploads\/2025\/02\/Capture-decran-le-2025-02-01-a-10.14.13.jpg?resize=1024%2C676&amp;ssl=1 1024w, https:\/\/i0.wp.com\/itayachtscanada.com\/wp-content\/uploads\/2025\/02\/Capture-decran-le-2025-02-01-a-10.14.13.jpg?resize=768%2C507&amp;ssl=1 768w, https:\/\/i0.wp.com\/itayachtscanada.com\/wp-content\/uploads\/2025\/02\/Capture-decran-le-2025-02-01-a-10.14.13.jpg?resize=1536%2C1013&amp;ssl=1 1536w, https:\/\/i0.wp.com\/itayachtscanada.com\/wp-content\/uploads\/2025\/02\/Capture-decran-le-2025-02-01-a-10.14.13.jpg?resize=700%2C462&amp;ssl=1 700w, https:\/\/i0.wp.com\/itayachtscanada.com\/wp-content\/uploads\/2025\/02\/Capture-decran-le-2025-02-01-a-10.14.13.jpg?resize=900%2C600&amp;ssl=1 900w, https:\/\/i0.wp.com\/itayachtscanada.com\/wp-content\/uploads\/2025\/02\/Capture-decran-le-2025-02-01-a-10.14.13.jpg?resize=606%2C400&amp;ssl=1 606w, https:\/\/i0.wp.com\/itayachtscanada.com\/wp-content\/uploads\/2025\/02\/Capture-decran-le-2025-02-01-a-10.14.13.jpg?w=1400&amp;ssl=1 1400w\" width=\"210\" height=\"139\" loading=\"lazy\" data-original-width=\"210\" data-original-height=\"139\" itemprop=\"http:\/\/schema.org\/image\" title=\"Capture d\u2019e\u0301cran, le 2025-02-01 a\u0300 10.14.13\" alt=\"Capture d\u2019e\u0301cran, le 2025-02-01 a\u0300 10.14.13\" style=\"width: 210px; height: 139px;\" \/> <\/a> <\/div> <div class=\"tiled-gallery-item tiled-gallery-item-small\" itemprop=\"associatedMedia\" itemscope itemtype=\"http:\/\/schema.org\/ImageObject\"> <a href=\"https:\/\/itayachtscanada.com\/fr\/listing\/allseas-yacht-92-explorer-expedition-2010-4500000-usd-for-sale\/capture-decran-le-2025-02-01-a-10-14-09\/\" border=\"0\" itemprop=\"url\"> <meta itemprop=\"width\" content=\"210\"> <meta itemprop=\"height\" content=\"138\"> <img decoding=\"async\" class=\"\" data-attachment-id=\"202852\" data-orig-file=\"https:\/\/itayachtscanada.com\/wp-content\/uploads\/2025\/02\/Capture-decran-le-2025-02-01-a-10.14.09.jpg\" data-orig-size=\"1546,1020\" data-comments-opened=\"1\" data-image-meta=\"{&quot;aperture&quot;:&quot;0&quot;,&quot;credit&quot;:&quot;&quot;,&quot;camera&quot;:&quot;&quot;,&quot;caption&quot;:&quot;&quot;,&quot;created_timestamp&quot;:&quot;0&quot;,&quot;copyright&quot;:&quot;&quot;,&quot;focal_length&quot;:&quot;0&quot;,&quot;iso&quot;:&quot;0&quot;,&quot;shutter_speed&quot;:&quot;0&quot;,&quot;title&quot;:&quot;&quot;,&quot;orientation&quot;:&quot;0&quot;}\" data-image-title=\"Capture d\u2019e\u0301cran, le 2025-02-01 a\u0300 10.14.09\" data-image-description=\"\" data-medium-file=\"https:\/\/i0.wp.com\/itayachtscanada.com\/wp-content\/uploads\/2025\/02\/Capture-decran-le-2025-02-01-a-10.14.09.jpg?fit=300%2C198&#038;ssl=1\" data-large-file=\"https:\/\/i0.wp.com\/itayachtscanada.com\/wp-content\/uploads\/2025\/02\/Capture-decran-le-2025-02-01-a-10.14.09.jpg?fit=700%2C462&#038;ssl=1\" src=\"https:\/\/i0.wp.com\/itayachtscanada.com\/wp-content\/uploads\/2025\/02\/Capture-decran-le-2025-02-01-a-10.14.09.jpg?w=210&#038;h=138&#038;ssl=1\" srcset=\"https:\/\/i0.wp.com\/itayachtscanada.com\/wp-content\/uploads\/2025\/02\/Capture-decran-le-2025-02-01-a-10.14.09.jpg?w=1546&amp;ssl=1 1546w, https:\/\/i0.wp.com\/itayachtscanada.com\/wp-content\/uploads\/2025\/02\/Capture-decran-le-2025-02-01-a-10.14.09.jpg?resize=300%2C198&amp;ssl=1 300w, https:\/\/i0.wp.com\/itayachtscanada.com\/wp-content\/uploads\/2025\/02\/Capture-decran-le-2025-02-01-a-10.14.09.jpg?resize=1024%2C676&amp;ssl=1 1024w, https:\/\/i0.wp.com\/itayachtscanada.com\/wp-content\/uploads\/2025\/02\/Capture-decran-le-2025-02-01-a-10.14.09.jpg?resize=768%2C507&amp;ssl=1 768w, https:\/\/i0.wp.com\/itayachtscanada.com\/wp-content\/uploads\/2025\/02\/Capture-decran-le-2025-02-01-a-10.14.09.jpg?resize=1536%2C1013&amp;ssl=1 1536w, https:\/\/i0.wp.com\/itayachtscanada.com\/wp-content\/uploads\/2025\/02\/Capture-decran-le-2025-02-01-a-10.14.09.jpg?resize=700%2C462&amp;ssl=1 700w, https:\/\/i0.wp.com\/itayachtscanada.com\/wp-content\/uploads\/2025\/02\/Capture-decran-le-2025-02-01-a-10.14.09.jpg?resize=606%2C400&amp;ssl=1 606w, https:\/\/i0.wp.com\/itayachtscanada.com\/wp-content\/uploads\/2025\/02\/Capture-decran-le-2025-02-01-a-10.14.09.jpg?w=1400&amp;ssl=1 1400w\" width=\"210\" height=\"138\" loading=\"lazy\" data-original-width=\"210\" data-original-height=\"138\" itemprop=\"http:\/\/schema.org\/image\" title=\"Capture d\u2019e\u0301cran, le 2025-02-01 a\u0300 10.14.09\" alt=\"Capture d\u2019e\u0301cran, le 2025-02-01 a\u0300 10.14.09\" style=\"width: 210px; height: 138px;\" \/> <\/a> <\/div> <div class=\"tiled-gallery-item tiled-gallery-item-small\" itemprop=\"associatedMedia\" itemscope itemtype=\"http:\/\/schema.org\/ImageObject\"> <a href=\"https:\/\/itayachtscanada.com\/fr\/listing\/allseas-yacht-92-explorer-expedition-2010-4500000-usd-for-sale\/capture-decran-le-2025-02-01-a-10-13-51\/\" border=\"0\" itemprop=\"url\"> <meta itemprop=\"width\" content=\"210\"> <meta itemprop=\"height\" content=\"117\"> <img decoding=\"async\" class=\"\" data-attachment-id=\"202854\" data-orig-file=\"https:\/\/itayachtscanada.com\/wp-content\/uploads\/2025\/02\/Capture-decran-le-2025-02-01-a-10.13.51.jpg\" data-orig-size=\"1834,1020\" data-comments-opened=\"1\" data-image-meta=\"{&quot;aperture&quot;:&quot;0&quot;,&quot;credit&quot;:&quot;&quot;,&quot;camera&quot;:&quot;&quot;,&quot;caption&quot;:&quot;&quot;,&quot;created_timestamp&quot;:&quot;0&quot;,&quot;copyright&quot;:&quot;&quot;,&quot;focal_length&quot;:&quot;0&quot;,&quot;iso&quot;:&quot;0&quot;,&quot;shutter_speed&quot;:&quot;0&quot;,&quot;title&quot;:&quot;&quot;,&quot;orientation&quot;:&quot;0&quot;}\" data-image-title=\"Capture d\u2019e\u0301cran, le 2025-02-01 a\u0300 10.13.51\" data-image-description=\"\" data-medium-file=\"https:\/\/i0.wp.com\/itayachtscanada.com\/wp-content\/uploads\/2025\/02\/Capture-decran-le-2025-02-01-a-10.13.51.jpg?fit=300%2C167&#038;ssl=1\" data-large-file=\"https:\/\/i0.wp.com\/itayachtscanada.com\/wp-content\/uploads\/2025\/02\/Capture-decran-le-2025-02-01-a-10.13.51.jpg?fit=700%2C390&#038;ssl=1\" src=\"https:\/\/i0.wp.com\/itayachtscanada.com\/wp-content\/uploads\/2025\/02\/Capture-decran-le-2025-02-01-a-10.13.51.jpg?w=210&#038;h=117&#038;ssl=1\" srcset=\"https:\/\/i0.wp.com\/itayachtscanada.com\/wp-content\/uploads\/2025\/02\/Capture-decran-le-2025-02-01-a-10.13.51.jpg?w=1834&amp;ssl=1 1834w, https:\/\/i0.wp.com\/itayachtscanada.com\/wp-content\/uploads\/2025\/02\/Capture-decran-le-2025-02-01-a-10.13.51.jpg?resize=300%2C167&amp;ssl=1 300w, https:\/\/i0.wp.com\/itayachtscanada.com\/wp-content\/uploads\/2025\/02\/Capture-decran-le-2025-02-01-a-10.13.51.jpg?resize=1024%2C570&amp;ssl=1 1024w, https:\/\/i0.wp.com\/itayachtscanada.com\/wp-content\/uploads\/2025\/02\/Capture-decran-le-2025-02-01-a-10.13.51.jpg?resize=768%2C427&amp;ssl=1 768w, https:\/\/i0.wp.com\/itayachtscanada.com\/wp-content\/uploads\/2025\/02\/Capture-decran-le-2025-02-01-a-10.13.51.jpg?resize=1536%2C854&amp;ssl=1 1536w, https:\/\/i0.wp.com\/itayachtscanada.com\/wp-content\/uploads\/2025\/02\/Capture-decran-le-2025-02-01-a-10.13.51.jpg?resize=700%2C389&amp;ssl=1 700w, https:\/\/i0.wp.com\/itayachtscanada.com\/wp-content\/uploads\/2025\/02\/Capture-decran-le-2025-02-01-a-10.13.51.jpg?resize=719%2C400&amp;ssl=1 719w, https:\/\/i0.wp.com\/itayachtscanada.com\/wp-content\/uploads\/2025\/02\/Capture-decran-le-2025-02-01-a-10.13.51.jpg?w=1400&amp;ssl=1 1400w\" width=\"210\" height=\"117\" loading=\"lazy\" data-original-width=\"210\" data-original-height=\"117\" itemprop=\"http:\/\/schema.org\/image\" title=\"Capture d\u2019e\u0301cran, le 2025-02-01 a\u0300 10.13.51\" alt=\"Capture d\u2019e\u0301cran, le 2025-02-01 a\u0300 10.13.51\" style=\"width: 210px; height: 117px;\" \/> <\/a> <\/div> <\/div> <!-- close group --> <\/div> <!-- close row --> <div class=\"gallery-row\" style=\"width: 700px; height: 294px;\" data-original-width=\"700\" data-original-height=\"294\" > <div class=\"gallery-group images-1\" style=\"width: 441px; height: 294px;\" data-original-width=\"441\" data-original-height=\"294\" > <div class=\"tiled-gallery-item tiled-gallery-item-large\" itemprop=\"associatedMedia\" itemscope itemtype=\"http:\/\/schema.org\/ImageObject\"> <a href=\"https:\/\/itayachtscanada.com\/fr\/listing\/allseas-yacht-92-explorer-expedition-2010-4500000-usd-for-sale\/capture-decran-le-2025-02-01-a-10-13-19\/\" border=\"0\" itemprop=\"url\"> <meta itemprop=\"width\" content=\"437\"> <meta itemprop=\"height\" content=\"290\"> <img decoding=\"async\" class=\"\" data-attachment-id=\"202861\" data-orig-file=\"https:\/\/itayachtscanada.com\/wp-content\/uploads\/2025\/02\/Capture-decran-le-2025-02-01-a-10.13.19.jpg\" data-orig-size=\"1536,1020\" data-comments-opened=\"1\" data-image-meta=\"{&quot;aperture&quot;:&quot;0&quot;,&quot;credit&quot;:&quot;&quot;,&quot;camera&quot;:&quot;&quot;,&quot;caption&quot;:&quot;&quot;,&quot;created_timestamp&quot;:&quot;0&quot;,&quot;copyright&quot;:&quot;&quot;,&quot;focal_length&quot;:&quot;0&quot;,&quot;iso&quot;:&quot;0&quot;,&quot;shutter_speed&quot;:&quot;0&quot;,&quot;title&quot;:&quot;&quot;,&quot;orientation&quot;:&quot;0&quot;}\" data-image-title=\"Capture d\u2019e\u0301cran, le 2025-02-01 a\u0300 10.13.19\" data-image-description=\"\" data-medium-file=\"https:\/\/i0.wp.com\/itayachtscanada.com\/wp-content\/uploads\/2025\/02\/Capture-decran-le-2025-02-01-a-10.13.19.jpg?fit=300%2C199&#038;ssl=1\" data-large-file=\"https:\/\/i0.wp.com\/itayachtscanada.com\/wp-content\/uploads\/2025\/02\/Capture-decran-le-2025-02-01-a-10.13.19.jpg?fit=700%2C465&#038;ssl=1\" src=\"https:\/\/i0.wp.com\/itayachtscanada.com\/wp-content\/uploads\/2025\/02\/Capture-decran-le-2025-02-01-a-10.13.19.jpg?w=437&#038;h=290&#038;ssl=1\" srcset=\"https:\/\/i0.wp.com\/itayachtscanada.com\/wp-content\/uploads\/2025\/02\/Capture-decran-le-2025-02-01-a-10.13.19.jpg?w=1536&amp;ssl=1 1536w, https:\/\/i0.wp.com\/itayachtscanada.com\/wp-content\/uploads\/2025\/02\/Capture-decran-le-2025-02-01-a-10.13.19.jpg?resize=300%2C199&amp;ssl=1 300w, https:\/\/i0.wp.com\/itayachtscanada.com\/wp-content\/uploads\/2025\/02\/Capture-decran-le-2025-02-01-a-10.13.19.jpg?resize=1024%2C680&amp;ssl=1 1024w, https:\/\/i0.wp.com\/itayachtscanada.com\/wp-content\/uploads\/2025\/02\/Capture-decran-le-2025-02-01-a-10.13.19.jpg?resize=768%2C510&amp;ssl=1 768w, https:\/\/i0.wp.com\/itayachtscanada.com\/wp-content\/uploads\/2025\/02\/Capture-decran-le-2025-02-01-a-10.13.19.jpg?resize=700%2C465&amp;ssl=1 700w, https:\/\/i0.wp.com\/itayachtscanada.com\/wp-content\/uploads\/2025\/02\/Capture-decran-le-2025-02-01-a-10.13.19.jpg?resize=900%2C600&amp;ssl=1 900w, https:\/\/i0.wp.com\/itayachtscanada.com\/wp-content\/uploads\/2025\/02\/Capture-decran-le-2025-02-01-a-10.13.19.jpg?resize=602%2C400&amp;ssl=1 602w, https:\/\/i0.wp.com\/itayachtscanada.com\/wp-content\/uploads\/2025\/02\/Capture-decran-le-2025-02-01-a-10.13.19.jpg?w=1400&amp;ssl=1 1400w\" width=\"437\" height=\"290\" loading=\"lazy\" data-original-width=\"437\" data-original-height=\"290\" itemprop=\"http:\/\/schema.org\/image\" title=\"Capture d\u2019e\u0301cran, le 2025-02-01 a\u0300 10.13.19\" alt=\"Capture d\u2019e\u0301cran, le 2025-02-01 a\u0300 10.13.19\" style=\"width: 437px; height: 290px;\" \/> <\/a> <\/div> <\/div> <!-- close group --> <div class=\"gallery-group images-2\" style=\"width: 259px; height: 294px;\" data-original-width=\"259\" data-original-height=\"294\" > <div class=\"tiled-gallery-item tiled-gallery-item-large\" itemprop=\"associatedMedia\" itemscope itemtype=\"http:\/\/schema.org\/ImageObject\"> <a href=\"https:\/\/itayachtscanada.com\/fr\/listing\/allseas-yacht-92-explorer-expedition-2010-4500000-usd-for-sale\/capture-decran-le-2025-02-01-a-10-24-05\/\" border=\"0\" itemprop=\"url\"> <meta itemprop=\"width\" content=\"255\"> <meta itemprop=\"height\" content=\"143\"> <img decoding=\"async\" class=\"\" data-attachment-id=\"202834\" data-orig-file=\"https:\/\/itayachtscanada.com\/wp-content\/uploads\/2025\/02\/Capture-decran-le-2025-02-01-a-10.24.05.jpg\" data-orig-size=\"2402,1346\" data-comments-opened=\"1\" data-image-meta=\"{&quot;aperture&quot;:&quot;0&quot;,&quot;credit&quot;:&quot;&quot;,&quot;camera&quot;:&quot;&quot;,&quot;caption&quot;:&quot;&quot;,&quot;created_timestamp&quot;:&quot;0&quot;,&quot;copyright&quot;:&quot;&quot;,&quot;focal_length&quot;:&quot;0&quot;,&quot;iso&quot;:&quot;0&quot;,&quot;shutter_speed&quot;:&quot;0&quot;,&quot;title&quot;:&quot;&quot;,&quot;orientation&quot;:&quot;0&quot;}\" data-image-title=\"Capture d\u2019e\u0301cran, le 2025-02-01 a\u0300 10.24.05\" data-image-description=\"\" data-medium-file=\"https:\/\/i0.wp.com\/itayachtscanada.com\/wp-content\/uploads\/2025\/02\/Capture-decran-le-2025-02-01-a-10.24.05.jpg?fit=300%2C168&#038;ssl=1\" data-large-file=\"https:\/\/i0.wp.com\/itayachtscanada.com\/wp-content\/uploads\/2025\/02\/Capture-decran-le-2025-02-01-a-10.24.05.jpg?fit=700%2C392&#038;ssl=1\" src=\"https:\/\/i0.wp.com\/itayachtscanada.com\/wp-content\/uploads\/2025\/02\/Capture-decran-le-2025-02-01-a-10.24.05.jpg?w=255&#038;h=143&#038;ssl=1\" srcset=\"https:\/\/i0.wp.com\/itayachtscanada.com\/wp-content\/uploads\/2025\/02\/Capture-decran-le-2025-02-01-a-10.24.05.jpg?w=2402&amp;ssl=1 2402w, https:\/\/i0.wp.com\/itayachtscanada.com\/wp-content\/uploads\/2025\/02\/Capture-decran-le-2025-02-01-a-10.24.05.jpg?resize=300%2C168&amp;ssl=1 300w, https:\/\/i0.wp.com\/itayachtscanada.com\/wp-content\/uploads\/2025\/02\/Capture-decran-le-2025-02-01-a-10.24.05.jpg?resize=1024%2C574&amp;ssl=1 1024w, https:\/\/i0.wp.com\/itayachtscanada.com\/wp-content\/uploads\/2025\/02\/Capture-decran-le-2025-02-01-a-10.24.05.jpg?resize=768%2C430&amp;ssl=1 768w, https:\/\/i0.wp.com\/itayachtscanada.com\/wp-content\/uploads\/2025\/02\/Capture-decran-le-2025-02-01-a-10.24.05.jpg?resize=1536%2C861&amp;ssl=1 1536w, https:\/\/i0.wp.com\/itayachtscanada.com\/wp-content\/uploads\/2025\/02\/Capture-decran-le-2025-02-01-a-10.24.05.jpg?resize=2048%2C1148&amp;ssl=1 2048w, https:\/\/i0.wp.com\/itayachtscanada.com\/wp-content\/uploads\/2025\/02\/Capture-decran-le-2025-02-01-a-10.24.05.jpg?resize=700%2C392&amp;ssl=1 700w, https:\/\/i0.wp.com\/itayachtscanada.com\/wp-content\/uploads\/2025\/02\/Capture-decran-le-2025-02-01-a-10.24.05.jpg?resize=2000%2C1121&amp;ssl=1 2000w, https:\/\/i0.wp.com\/itayachtscanada.com\/wp-content\/uploads\/2025\/02\/Capture-decran-le-2025-02-01-a-10.24.05.jpg?resize=714%2C400&amp;ssl=1 714w, https:\/\/i0.wp.com\/itayachtscanada.com\/wp-content\/uploads\/2025\/02\/Capture-decran-le-2025-02-01-a-10.24.05.jpg?w=1400&amp;ssl=1 1400w, https:\/\/i0.wp.com\/itayachtscanada.com\/wp-content\/uploads\/2025\/02\/Capture-decran-le-2025-02-01-a-10.24.05.jpg?w=2100&amp;ssl=1 2100w\" width=\"255\" height=\"143\" loading=\"lazy\" data-original-width=\"255\" data-original-height=\"143\" itemprop=\"http:\/\/schema.org\/image\" title=\"Capture d\u2019e\u0301cran, le 2025-02-01 a\u0300 10.24.05\" alt=\"Capture d\u2019e\u0301cran, le 2025-02-01 a\u0300 10.24.05\" style=\"width: 255px; height: 143px;\" \/> <\/a> <\/div> <div class=\"tiled-gallery-item tiled-gallery-item-large\" itemprop=\"associatedMedia\" itemscope itemtype=\"http:\/\/schema.org\/ImageObject\"> <a href=\"https:\/\/itayachtscanada.com\/fr\/listing\/allseas-yacht-92-explorer-expedition-2010-4500000-usd-for-sale\/capture-decran-le-2025-02-01-a-10-24-13\/\" border=\"0\" itemprop=\"url\"> <meta itemprop=\"width\" content=\"255\"> <meta itemprop=\"height\" content=\"143\"> <img decoding=\"async\" class=\"\" data-attachment-id=\"202833\" data-orig-file=\"https:\/\/itayachtscanada.com\/wp-content\/uploads\/2025\/02\/Capture-decran-le-2025-02-01-a-10.24.13.jpg\" data-orig-size=\"2402,1346\" data-comments-opened=\"1\" data-image-meta=\"{&quot;aperture&quot;:&quot;0&quot;,&quot;credit&quot;:&quot;&quot;,&quot;camera&quot;:&quot;&quot;,&quot;caption&quot;:&quot;&quot;,&quot;created_timestamp&quot;:&quot;0&quot;,&quot;copyright&quot;:&quot;&quot;,&quot;focal_length&quot;:&quot;0&quot;,&quot;iso&quot;:&quot;0&quot;,&quot;shutter_speed&quot;:&quot;0&quot;,&quot;title&quot;:&quot;&quot;,&quot;orientation&quot;:&quot;0&quot;}\" data-image-title=\"Capture d\u2019e\u0301cran, le 2025-02-01 a\u0300 10.24.13\" data-image-description=\"\" data-medium-file=\"https:\/\/i0.wp.com\/itayachtscanada.com\/wp-content\/uploads\/2025\/02\/Capture-decran-le-2025-02-01-a-10.24.13.jpg?fit=300%2C168&#038;ssl=1\" data-large-file=\"https:\/\/i0.wp.com\/itayachtscanada.com\/wp-content\/uploads\/2025\/02\/Capture-decran-le-2025-02-01-a-10.24.13.jpg?fit=700%2C392&#038;ssl=1\" src=\"https:\/\/i0.wp.com\/itayachtscanada.com\/wp-content\/uploads\/2025\/02\/Capture-decran-le-2025-02-01-a-10.24.13.jpg?w=255&#038;h=143&#038;ssl=1\" srcset=\"https:\/\/i0.wp.com\/itayachtscanada.com\/wp-content\/uploads\/2025\/02\/Capture-decran-le-2025-02-01-a-10.24.13.jpg?w=2402&amp;ssl=1 2402w, https:\/\/i0.wp.com\/itayachtscanada.com\/wp-content\/uploads\/2025\/02\/Capture-decran-le-2025-02-01-a-10.24.13.jpg?resize=300%2C168&amp;ssl=1 300w, https:\/\/i0.wp.com\/itayachtscanada.com\/wp-content\/uploads\/2025\/02\/Capture-decran-le-2025-02-01-a-10.24.13.jpg?resize=1024%2C574&amp;ssl=1 1024w, https:\/\/i0.wp.com\/itayachtscanada.com\/wp-content\/uploads\/2025\/02\/Capture-decran-le-2025-02-01-a-10.24.13.jpg?resize=768%2C430&amp;ssl=1 768w, https:\/\/i0.wp.com\/itayachtscanada.com\/wp-content\/uploads\/2025\/02\/Capture-decran-le-2025-02-01-a-10.24.13.jpg?resize=1536%2C861&amp;ssl=1 1536w, https:\/\/i0.wp.com\/itayachtscanada.com\/wp-content\/uploads\/2025\/02\/Capture-decran-le-2025-02-01-a-10.24.13.jpg?resize=2048%2C1148&amp;ssl=1 2048w, https:\/\/i0.wp.com\/itayachtscanada.com\/wp-content\/uploads\/2025\/02\/Capture-decran-le-2025-02-01-a-10.24.13.jpg?resize=700%2C392&amp;ssl=1 700w, https:\/\/i0.wp.com\/itayachtscanada.com\/wp-content\/uploads\/2025\/02\/Capture-decran-le-2025-02-01-a-10.24.13.jpg?resize=2000%2C1121&amp;ssl=1 2000w, https:\/\/i0.wp.com\/itayachtscanada.com\/wp-content\/uploads\/2025\/02\/Capture-decran-le-2025-02-01-a-10.24.13.jpg?resize=714%2C400&amp;ssl=1 714w, https:\/\/i0.wp.com\/itayachtscanada.com\/wp-content\/uploads\/2025\/02\/Capture-decran-le-2025-02-01-a-10.24.13.jpg?w=1400&amp;ssl=1 1400w, https:\/\/i0.wp.com\/itayachtscanada.com\/wp-content\/uploads\/2025\/02\/Capture-decran-le-2025-02-01-a-10.24.13.jpg?w=2100&amp;ssl=1 2100w\" width=\"255\" height=\"143\" loading=\"lazy\" data-original-width=\"255\" data-original-height=\"143\" itemprop=\"http:\/\/schema.org\/image\" title=\"Capture d\u2019e\u0301cran, le 2025-02-01 a\u0300 10.24.13\" alt=\"Capture d\u2019e\u0301cran, le 2025-02-01 a\u0300 10.24.13\" style=\"width: 255px; height: 143px;\" \/> <\/a> <\/div> <\/div> <!-- close group --> <\/div> <!-- close row --> <div class=\"gallery-row\" style=\"width: 700px; height: 156px;\" data-original-width=\"700\" data-original-height=\"156\" > <div class=\"gallery-group images-1\" style=\"width: 234px; height: 156px;\" data-original-width=\"234\" data-original-height=\"156\" > <div class=\"tiled-gallery-item tiled-gallery-item-small\" itemprop=\"associatedMedia\" itemscope itemtype=\"http:\/\/schema.org\/ImageObject\"> <a href=\"https:\/\/itayachtscanada.com\/fr\/listing\/allseas-yacht-92-explorer-expedition-2010-4500000-usd-for-sale\/capture-decran-le-2025-02-01-a-10-13-16\/\" border=\"0\" itemprop=\"url\"> <meta itemprop=\"width\" content=\"230\"> <meta itemprop=\"height\" content=\"152\"> <img decoding=\"async\" class=\"\" data-attachment-id=\"202862\" data-orig-file=\"https:\/\/itayachtscanada.com\/wp-content\/uploads\/2025\/02\/Capture-decran-le-2025-02-01-a-10.13.16.jpg\" data-orig-size=\"1536,1020\" data-comments-opened=\"1\" data-image-meta=\"{&quot;aperture&quot;:&quot;0&quot;,&quot;credit&quot;:&quot;&quot;,&quot;camera&quot;:&quot;&quot;,&quot;caption&quot;:&quot;&quot;,&quot;created_timestamp&quot;:&quot;0&quot;,&quot;copyright&quot;:&quot;&quot;,&quot;focal_length&quot;:&quot;0&quot;,&quot;iso&quot;:&quot;0&quot;,&quot;shutter_speed&quot;:&quot;0&quot;,&quot;title&quot;:&quot;&quot;,&quot;orientation&quot;:&quot;0&quot;}\" data-image-title=\"Capture d\u2019e\u0301cran, le 2025-02-01 a\u0300 10.13.16\" data-image-description=\"\" data-medium-file=\"https:\/\/i0.wp.com\/itayachtscanada.com\/wp-content\/uploads\/2025\/02\/Capture-decran-le-2025-02-01-a-10.13.16.jpg?fit=300%2C199&#038;ssl=1\" data-large-file=\"https:\/\/i0.wp.com\/itayachtscanada.com\/wp-content\/uploads\/2025\/02\/Capture-decran-le-2025-02-01-a-10.13.16.jpg?fit=700%2C465&#038;ssl=1\" src=\"https:\/\/i0.wp.com\/itayachtscanada.com\/wp-content\/uploads\/2025\/02\/Capture-decran-le-2025-02-01-a-10.13.16.jpg?w=230&#038;h=152&#038;ssl=1\" srcset=\"https:\/\/i0.wp.com\/itayachtscanada.com\/wp-content\/uploads\/2025\/02\/Capture-decran-le-2025-02-01-a-10.13.16.jpg?w=1536&amp;ssl=1 1536w, https:\/\/i0.wp.com\/itayachtscanada.com\/wp-content\/uploads\/2025\/02\/Capture-decran-le-2025-02-01-a-10.13.16.jpg?resize=300%2C199&amp;ssl=1 300w, https:\/\/i0.wp.com\/itayachtscanada.com\/wp-content\/uploads\/2025\/02\/Capture-decran-le-2025-02-01-a-10.13.16.jpg?resize=1024%2C680&amp;ssl=1 1024w, https:\/\/i0.wp.com\/itayachtscanada.com\/wp-content\/uploads\/2025\/02\/Capture-decran-le-2025-02-01-a-10.13.16.jpg?resize=768%2C510&amp;ssl=1 768w, https:\/\/i0.wp.com\/itayachtscanada.com\/wp-content\/uploads\/2025\/02\/Capture-decran-le-2025-02-01-a-10.13.16.jpg?resize=700%2C465&amp;ssl=1 700w, https:\/\/i0.wp.com\/itayachtscanada.com\/wp-content\/uploads\/2025\/02\/Capture-decran-le-2025-02-01-a-10.13.16.jpg?resize=900%2C600&amp;ssl=1 900w, https:\/\/i0.wp.com\/itayachtscanada.com\/wp-content\/uploads\/2025\/02\/Capture-decran-le-2025-02-01-a-10.13.16.jpg?resize=602%2C400&amp;ssl=1 602w, https:\/\/i0.wp.com\/itayachtscanada.com\/wp-content\/uploads\/2025\/02\/Capture-decran-le-2025-02-01-a-10.13.16.jpg?w=1400&amp;ssl=1 1400w\" width=\"230\" height=\"152\" loading=\"lazy\" data-original-width=\"230\" data-original-height=\"152\" itemprop=\"http:\/\/schema.org\/image\" title=\"Capture d\u2019e\u0301cran, le 2025-02-01 a\u0300 10.13.16\" alt=\"Capture d\u2019e\u0301cran, le 2025-02-01 a\u0300 10.13.16\" style=\"width: 230px; height: 152px;\" \/> <\/a> <\/div> <\/div> <!-- close group --> <div class=\"gallery-group images-1\" style=\"width: 233px; height: 156px;\" data-original-width=\"233\" data-original-height=\"156\" > <div class=\"tiled-gallery-item tiled-gallery-item-small\" itemprop=\"associatedMedia\" itemscope itemtype=\"http:\/\/schema.org\/ImageObject\"> <a href=\"https:\/\/itayachtscanada.com\/fr\/listing\/allseas-yacht-92-explorer-expedition-2010-4500000-usd-for-sale\/capture-decran-le-2025-02-01-a-10-13-13\/\" border=\"0\" itemprop=\"url\"> <meta itemprop=\"width\" content=\"229\"> <meta itemprop=\"height\" content=\"152\"> <img decoding=\"async\" class=\"\" data-attachment-id=\"202863\" data-orig-file=\"https:\/\/itayachtscanada.com\/wp-content\/uploads\/2025\/02\/Capture-decran-le-2025-02-01-a-10.13.13.jpg\" data-orig-size=\"1536,1020\" data-comments-opened=\"1\" data-image-meta=\"{&quot;aperture&quot;:&quot;0&quot;,&quot;credit&quot;:&quot;&quot;,&quot;camera&quot;:&quot;&quot;,&quot;caption&quot;:&quot;&quot;,&quot;created_timestamp&quot;:&quot;0&quot;,&quot;copyright&quot;:&quot;&quot;,&quot;focal_length&quot;:&quot;0&quot;,&quot;iso&quot;:&quot;0&quot;,&quot;shutter_speed&quot;:&quot;0&quot;,&quot;title&quot;:&quot;&quot;,&quot;orientation&quot;:&quot;0&quot;}\" data-image-title=\"Capture d\u2019e\u0301cran, le 2025-02-01 a\u0300 10.13.13\" data-image-description=\"\" data-medium-file=\"https:\/\/i0.wp.com\/itayachtscanada.com\/wp-content\/uploads\/2025\/02\/Capture-decran-le-2025-02-01-a-10.13.13.jpg?fit=300%2C199&#038;ssl=1\" data-large-file=\"https:\/\/i0.wp.com\/itayachtscanada.com\/wp-content\/uploads\/2025\/02\/Capture-decran-le-2025-02-01-a-10.13.13.jpg?fit=700%2C465&#038;ssl=1\" src=\"https:\/\/i0.wp.com\/itayachtscanada.com\/wp-content\/uploads\/2025\/02\/Capture-decran-le-2025-02-01-a-10.13.13.jpg?w=229&#038;h=152&#038;ssl=1\" srcset=\"https:\/\/i0.wp.com\/itayachtscanada.com\/wp-content\/uploads\/2025\/02\/Capture-decran-le-2025-02-01-a-10.13.13.jpg?w=1536&amp;ssl=1 1536w, https:\/\/i0.wp.com\/itayachtscanada.com\/wp-content\/uploads\/2025\/02\/Capture-decran-le-2025-02-01-a-10.13.13.jpg?resize=300%2C199&amp;ssl=1 300w, https:\/\/i0.wp.com\/itayachtscanada.com\/wp-content\/uploads\/2025\/02\/Capture-decran-le-2025-02-01-a-10.13.13.jpg?resize=1024%2C680&amp;ssl=1 1024w, https:\/\/i0.wp.com\/itayachtscanada.com\/wp-content\/uploads\/2025\/02\/Capture-decran-le-2025-02-01-a-10.13.13.jpg?resize=768%2C510&amp;ssl=1 768w, https:\/\/i0.wp.com\/itayachtscanada.com\/wp-content\/uploads\/2025\/02\/Capture-decran-le-2025-02-01-a-10.13.13.jpg?resize=700%2C465&amp;ssl=1 700w, https:\/\/i0.wp.com\/itayachtscanada.com\/wp-content\/uploads\/2025\/02\/Capture-decran-le-2025-02-01-a-10.13.13.jpg?resize=900%2C600&amp;ssl=1 900w, https:\/\/i0.wp.com\/itayachtscanada.com\/wp-content\/uploads\/2025\/02\/Capture-decran-le-2025-02-01-a-10.13.13.jpg?resize=602%2C400&amp;ssl=1 602w, https:\/\/i0.wp.com\/itayachtscanada.com\/wp-content\/uploads\/2025\/02\/Capture-decran-le-2025-02-01-a-10.13.13.jpg?w=1400&amp;ssl=1 1400w\" width=\"229\" height=\"152\" loading=\"lazy\" data-original-width=\"229\" data-original-height=\"152\" itemprop=\"http:\/\/schema.org\/image\" title=\"Capture d\u2019e\u0301cran, le 2025-02-01 a\u0300 10.13.13\" alt=\"Capture d\u2019e\u0301cran, le 2025-02-01 a\u0300 10.13.13\" style=\"width: 229px; height: 152px;\" \/> <\/a> <\/div> <\/div> <!-- close group --> <div class=\"gallery-group images-1\" style=\"width: 233px; height: 156px;\" data-original-width=\"233\" data-original-height=\"156\" > <div class=\"tiled-gallery-item tiled-gallery-item-small\" itemprop=\"associatedMedia\" itemscope itemtype=\"http:\/\/schema.org\/ImageObject\"> <a href=\"https:\/\/itayachtscanada.com\/fr\/listing\/allseas-yacht-92-explorer-expedition-2010-4500000-usd-for-sale\/capture-decran-le-2025-02-01-a-10-13-09\/\" border=\"0\" itemprop=\"url\"> <meta itemprop=\"width\" content=\"229\"> <meta itemprop=\"height\" content=\"152\"> <img decoding=\"async\" class=\"\" data-attachment-id=\"202864\" data-orig-file=\"https:\/\/itayachtscanada.com\/wp-content\/uploads\/2025\/02\/Capture-decran-le-2025-02-01-a-10.13.09.jpg\" data-orig-size=\"1536,1020\" data-comments-opened=\"1\" data-image-meta=\"{&quot;aperture&quot;:&quot;0&quot;,&quot;credit&quot;:&quot;&quot;,&quot;camera&quot;:&quot;&quot;,&quot;caption&quot;:&quot;&quot;,&quot;created_timestamp&quot;:&quot;0&quot;,&quot;copyright&quot;:&quot;&quot;,&quot;focal_length&quot;:&quot;0&quot;,&quot;iso&quot;:&quot;0&quot;,&quot;shutter_speed&quot;:&quot;0&quot;,&quot;title&quot;:&quot;&quot;,&quot;orientation&quot;:&quot;0&quot;}\" data-image-title=\"Capture d\u2019e\u0301cran, le 2025-02-01 a\u0300 10.13.09\" data-image-description=\"\" data-medium-file=\"https:\/\/i0.wp.com\/itayachtscanada.com\/wp-content\/uploads\/2025\/02\/Capture-decran-le-2025-02-01-a-10.13.09.jpg?fit=300%2C199&#038;ssl=1\" data-large-file=\"https:\/\/i0.wp.com\/itayachtscanada.com\/wp-content\/uploads\/2025\/02\/Capture-decran-le-2025-02-01-a-10.13.09.jpg?fit=700%2C465&#038;ssl=1\" src=\"https:\/\/i0.wp.com\/itayachtscanada.com\/wp-content\/uploads\/2025\/02\/Capture-decran-le-2025-02-01-a-10.13.09.jpg?w=229&#038;h=152&#038;ssl=1\" srcset=\"https:\/\/i0.wp.com\/itayachtscanada.com\/wp-content\/uploads\/2025\/02\/Capture-decran-le-2025-02-01-a-10.13.09.jpg?w=1536&amp;ssl=1 1536w, https:\/\/i0.wp.com\/itayachtscanada.com\/wp-content\/uploads\/2025\/02\/Capture-decran-le-2025-02-01-a-10.13.09.jpg?resize=300%2C199&amp;ssl=1 300w, https:\/\/i0.wp.com\/itayachtscanada.com\/wp-content\/uploads\/2025\/02\/Capture-decran-le-2025-02-01-a-10.13.09.jpg?resize=1024%2C680&amp;ssl=1 1024w, https:\/\/i0.wp.com\/itayachtscanada.com\/wp-content\/uploads\/2025\/02\/Capture-decran-le-2025-02-01-a-10.13.09.jpg?resize=768%2C510&amp;ssl=1 768w, https:\/\/i0.wp.com\/itayachtscanada.com\/wp-content\/uploads\/2025\/02\/Capture-decran-le-2025-02-01-a-10.13.09.jpg?resize=700%2C465&amp;ssl=1 700w, https:\/\/i0.wp.com\/itayachtscanada.com\/wp-content\/uploads\/2025\/02\/Capture-decran-le-2025-02-01-a-10.13.09.jpg?resize=900%2C600&amp;ssl=1 900w, https:\/\/i0.wp.com\/itayachtscanada.com\/wp-content\/uploads\/2025\/02\/Capture-decran-le-2025-02-01-a-10.13.09.jpg?resize=602%2C400&amp;ssl=1 602w, https:\/\/i0.wp.com\/itayachtscanada.com\/wp-content\/uploads\/2025\/02\/Capture-decran-le-2025-02-01-a-10.13.09.jpg?w=1400&amp;ssl=1 1400w\" width=\"229\" height=\"152\" loading=\"lazy\" data-original-width=\"229\" data-original-height=\"152\" itemprop=\"http:\/\/schema.org\/image\" title=\"Capture d\u2019e\u0301cran, le 2025-02-01 a\u0300 10.13.09\" alt=\"Capture d\u2019e\u0301cran, le 2025-02-01 a\u0300 10.13.09\" style=\"width: 229px; height: 152px;\" \/> <\/a> <\/div> <\/div> <!-- close group --> <\/div> <!-- close row --> <div class=\"gallery-row\" style=\"width: 700px; height: 214px;\" data-original-width=\"700\" data-original-height=\"214\" > <div class=\"gallery-group images-1\" style=\"width: 321px; height: 214px;\" data-original-width=\"321\" data-original-height=\"214\" > <div class=\"tiled-gallery-item tiled-gallery-item-large\" itemprop=\"associatedMedia\" itemscope itemtype=\"http:\/\/schema.org\/ImageObject\"> <a href=\"https:\/\/itayachtscanada.com\/fr\/listing\/allseas-yacht-92-explorer-expedition-2010-4500000-usd-for-sale\/capture-decran-le-2025-02-01-a-10-13-06\/\" border=\"0\" itemprop=\"url\"> <meta itemprop=\"width\" content=\"317\"> <meta itemprop=\"height\" content=\"210\"> <img decoding=\"async\" class=\"\" data-attachment-id=\"202865\" data-orig-file=\"https:\/\/itayachtscanada.com\/wp-content\/uploads\/2025\/02\/Capture-decran-le-2025-02-01-a-10.13.06.jpg\" data-orig-size=\"1536,1020\" data-comments-opened=\"1\" data-image-meta=\"{&quot;aperture&quot;:&quot;0&quot;,&quot;credit&quot;:&quot;&quot;,&quot;camera&quot;:&quot;&quot;,&quot;caption&quot;:&quot;&quot;,&quot;created_timestamp&quot;:&quot;0&quot;,&quot;copyright&quot;:&quot;&quot;,&quot;focal_length&quot;:&quot;0&quot;,&quot;iso&quot;:&quot;0&quot;,&quot;shutter_speed&quot;:&quot;0&quot;,&quot;title&quot;:&quot;&quot;,&quot;orientation&quot;:&quot;0&quot;}\" data-image-title=\"Capture d\u2019e\u0301cran, le 2025-02-01 a\u0300 10.13.06\" data-image-description=\"\" data-medium-file=\"https:\/\/i0.wp.com\/itayachtscanada.com\/wp-content\/uploads\/2025\/02\/Capture-decran-le-2025-02-01-a-10.13.06.jpg?fit=300%2C199&#038;ssl=1\" data-large-file=\"https:\/\/i0.wp.com\/itayachtscanada.com\/wp-content\/uploads\/2025\/02\/Capture-decran-le-2025-02-01-a-10.13.06.jpg?fit=700%2C465&#038;ssl=1\" src=\"https:\/\/i0.wp.com\/itayachtscanada.com\/wp-content\/uploads\/2025\/02\/Capture-decran-le-2025-02-01-a-10.13.06.jpg?w=317&#038;h=210&#038;ssl=1\" srcset=\"https:\/\/i0.wp.com\/itayachtscanada.com\/wp-content\/uploads\/2025\/02\/Capture-decran-le-2025-02-01-a-10.13.06.jpg?w=1536&amp;ssl=1 1536w, https:\/\/i0.wp.com\/itayachtscanada.com\/wp-content\/uploads\/2025\/02\/Capture-decran-le-2025-02-01-a-10.13.06.jpg?resize=300%2C199&amp;ssl=1 300w, https:\/\/i0.wp.com\/itayachtscanada.com\/wp-content\/uploads\/2025\/02\/Capture-decran-le-2025-02-01-a-10.13.06.jpg?resize=1024%2C680&amp;ssl=1 1024w, https:\/\/i0.wp.com\/itayachtscanada.com\/wp-content\/uploads\/2025\/02\/Capture-decran-le-2025-02-01-a-10.13.06.jpg?resize=768%2C510&amp;ssl=1 768w, https:\/\/i0.wp.com\/itayachtscanada.com\/wp-content\/uploads\/2025\/02\/Capture-decran-le-2025-02-01-a-10.13.06.jpg?resize=700%2C465&amp;ssl=1 700w, https:\/\/i0.wp.com\/itayachtscanada.com\/wp-content\/uploads\/2025\/02\/Capture-decran-le-2025-02-01-a-10.13.06.jpg?resize=900%2C600&amp;ssl=1 900w, https:\/\/i0.wp.com\/itayachtscanada.com\/wp-content\/uploads\/2025\/02\/Capture-decran-le-2025-02-01-a-10.13.06.jpg?resize=602%2C400&amp;ssl=1 602w, https:\/\/i0.wp.com\/itayachtscanada.com\/wp-content\/uploads\/2025\/02\/Capture-decran-le-2025-02-01-a-10.13.06.jpg?w=1400&amp;ssl=1 1400w\" width=\"317\" height=\"210\" loading=\"lazy\" data-original-width=\"317\" data-original-height=\"210\" itemprop=\"http:\/\/schema.org\/image\" title=\"Capture d\u2019e\u0301cran, le 2025-02-01 a\u0300 10.13.06\" alt=\"Capture d\u2019e\u0301cran, le 2025-02-01 a\u0300 10.13.06\" style=\"width: 317px; height: 210px;\" \/> <\/a> <\/div> <\/div> <!-- close group --> <div class=\"gallery-group images-1\" style=\"width: 379px; height: 214px;\" data-original-width=\"379\" data-original-height=\"214\" > <div class=\"tiled-gallery-item tiled-gallery-item-large\" itemprop=\"associatedMedia\" itemscope itemtype=\"http:\/\/schema.org\/ImageObject\"> <a href=\"https:\/\/itayachtscanada.com\/fr\/listing\/allseas-yacht-92-explorer-expedition-2010-4500000-usd-for-sale\/capture-decran-le-2025-02-01-a-10-23-51\/\" border=\"0\" itemprop=\"url\"> <meta itemprop=\"width\" content=\"375\"> <meta itemprop=\"height\" content=\"210\"> <img decoding=\"async\" class=\"\" data-attachment-id=\"202836\" data-orig-file=\"https:\/\/itayachtscanada.com\/wp-content\/uploads\/2025\/02\/Capture-decran-le-2025-02-01-a-10.23.51.jpg\" data-orig-size=\"2402,1346\" data-comments-opened=\"1\" data-image-meta=\"{&quot;aperture&quot;:&quot;0&quot;,&quot;credit&quot;:&quot;&quot;,&quot;camera&quot;:&quot;&quot;,&quot;caption&quot;:&quot;&quot;,&quot;created_timestamp&quot;:&quot;0&quot;,&quot;copyright&quot;:&quot;&quot;,&quot;focal_length&quot;:&quot;0&quot;,&quot;iso&quot;:&quot;0&quot;,&quot;shutter_speed&quot;:&quot;0&quot;,&quot;title&quot;:&quot;&quot;,&quot;orientation&quot;:&quot;0&quot;}\" data-image-title=\"Capture d\u2019e\u0301cran, le 2025-02-01 a\u0300 10.23.51\" data-image-description=\"\" data-medium-file=\"https:\/\/i0.wp.com\/itayachtscanada.com\/wp-content\/uploads\/2025\/02\/Capture-decran-le-2025-02-01-a-10.23.51.jpg?fit=300%2C168&#038;ssl=1\" data-large-file=\"https:\/\/i0.wp.com\/itayachtscanada.com\/wp-content\/uploads\/2025\/02\/Capture-decran-le-2025-02-01-a-10.23.51.jpg?fit=700%2C392&#038;ssl=1\" src=\"https:\/\/i0.wp.com\/itayachtscanada.com\/wp-content\/uploads\/2025\/02\/Capture-decran-le-2025-02-01-a-10.23.51.jpg?w=375&#038;h=210&#038;ssl=1\" srcset=\"https:\/\/i0.wp.com\/itayachtscanada.com\/wp-content\/uploads\/2025\/02\/Capture-decran-le-2025-02-01-a-10.23.51.jpg?w=2402&amp;ssl=1 2402w, https:\/\/i0.wp.com\/itayachtscanada.com\/wp-content\/uploads\/2025\/02\/Capture-decran-le-2025-02-01-a-10.23.51.jpg?resize=300%2C168&amp;ssl=1 300w, https:\/\/i0.wp.com\/itayachtscanada.com\/wp-content\/uploads\/2025\/02\/Capture-decran-le-2025-02-01-a-10.23.51.jpg?resize=1024%2C574&amp;ssl=1 1024w, https:\/\/i0.wp.com\/itayachtscanada.com\/wp-content\/uploads\/2025\/02\/Capture-decran-le-2025-02-01-a-10.23.51.jpg?resize=768%2C430&amp;ssl=1 768w, https:\/\/i0.wp.com\/itayachtscanada.com\/wp-content\/uploads\/2025\/02\/Capture-decran-le-2025-02-01-a-10.23.51.jpg?resize=1536%2C861&amp;ssl=1 1536w, https:\/\/i0.wp.com\/itayachtscanada.com\/wp-content\/uploads\/2025\/02\/Capture-decran-le-2025-02-01-a-10.23.51.jpg?resize=2048%2C1148&amp;ssl=1 2048w, https:\/\/i0.wp.com\/itayachtscanada.com\/wp-content\/uploads\/2025\/02\/Capture-decran-le-2025-02-01-a-10.23.51.jpg?resize=700%2C392&amp;ssl=1 700w, https:\/\/i0.wp.com\/itayachtscanada.com\/wp-content\/uploads\/2025\/02\/Capture-decran-le-2025-02-01-a-10.23.51.jpg?resize=2000%2C1121&amp;ssl=1 2000w, https:\/\/i0.wp.com\/itayachtscanada.com\/wp-content\/uploads\/2025\/02\/Capture-decran-le-2025-02-01-a-10.23.51.jpg?resize=714%2C400&amp;ssl=1 714w, https:\/\/i0.wp.com\/itayachtscanada.com\/wp-content\/uploads\/2025\/02\/Capture-decran-le-2025-02-01-a-10.23.51.jpg?w=1400&amp;ssl=1 1400w, https:\/\/i0.wp.com\/itayachtscanada.com\/wp-content\/uploads\/2025\/02\/Capture-decran-le-2025-02-01-a-10.23.51.jpg?w=2100&amp;ssl=1 2100w\" width=\"375\" height=\"210\" loading=\"lazy\" data-original-width=\"375\" data-original-height=\"210\" itemprop=\"http:\/\/schema.org\/image\" title=\"Capture d\u2019e\u0301cran, le 2025-02-01 a\u0300 10.23.51\" alt=\"Capture d\u2019e\u0301cran, le 2025-02-01 a\u0300 10.23.51\" style=\"width: 375px; height: 210px;\" \/> <\/a> <\/div> <\/div> <!-- close group --> <\/div> <!-- close row --> <div class=\"gallery-row\" style=\"width: 700px; height: 198px;\" data-original-width=\"700\" data-original-height=\"198\" > <div class=\"gallery-group images-1\" style=\"width: 350px; height: 198px;\" data-original-width=\"350\" data-original-height=\"198\" > <div class=\"tiled-gallery-item tiled-gallery-item-large\" itemprop=\"associatedMedia\" itemscope itemtype=\"http:\/\/schema.org\/ImageObject\"> <a href=\"https:\/\/itayachtscanada.com\/fr\/listing\/allseas-yacht-92-explorer-expedition-2010-4500000-usd-for-sale\/capture-decran-le-2025-02-01-a-10-23-59\/\" border=\"0\" itemprop=\"url\"> <meta itemprop=\"width\" content=\"346\"> <meta itemprop=\"height\" content=\"194\"> <img decoding=\"async\" class=\"\" data-attachment-id=\"202835\" data-orig-file=\"https:\/\/itayachtscanada.com\/wp-content\/uploads\/2025\/02\/Capture-decran-le-2025-02-01-a-10.23.59.jpg\" data-orig-size=\"2402,1346\" data-comments-opened=\"1\" data-image-meta=\"{&quot;aperture&quot;:&quot;0&quot;,&quot;credit&quot;:&quot;&quot;,&quot;camera&quot;:&quot;&quot;,&quot;caption&quot;:&quot;&quot;,&quot;created_timestamp&quot;:&quot;0&quot;,&quot;copyright&quot;:&quot;&quot;,&quot;focal_length&quot;:&quot;0&quot;,&quot;iso&quot;:&quot;0&quot;,&quot;shutter_speed&quot;:&quot;0&quot;,&quot;title&quot;:&quot;&quot;,&quot;orientation&quot;:&quot;0&quot;}\" data-image-title=\"Capture d\u2019e\u0301cran, le 2025-02-01 a\u0300 10.23.59\" data-image-description=\"\" data-medium-file=\"https:\/\/i0.wp.com\/itayachtscanada.com\/wp-content\/uploads\/2025\/02\/Capture-decran-le-2025-02-01-a-10.23.59.jpg?fit=300%2C168&#038;ssl=1\" data-large-file=\"https:\/\/i0.wp.com\/itayachtscanada.com\/wp-content\/uploads\/2025\/02\/Capture-decran-le-2025-02-01-a-10.23.59.jpg?fit=700%2C392&#038;ssl=1\" src=\"https:\/\/i0.wp.com\/itayachtscanada.com\/wp-content\/uploads\/2025\/02\/Capture-decran-le-2025-02-01-a-10.23.59.jpg?w=346&#038;h=194&#038;ssl=1\" srcset=\"https:\/\/i0.wp.com\/itayachtscanada.com\/wp-content\/uploads\/2025\/02\/Capture-decran-le-2025-02-01-a-10.23.59.jpg?w=2402&amp;ssl=1 2402w, https:\/\/i0.wp.com\/itayachtscanada.com\/wp-content\/uploads\/2025\/02\/Capture-decran-le-2025-02-01-a-10.23.59.jpg?resize=300%2C168&amp;ssl=1 300w, https:\/\/i0.wp.com\/itayachtscanada.com\/wp-content\/uploads\/2025\/02\/Capture-decran-le-2025-02-01-a-10.23.59.jpg?resize=1024%2C574&amp;ssl=1 1024w, https:\/\/i0.wp.com\/itayachtscanada.com\/wp-content\/uploads\/2025\/02\/Capture-decran-le-2025-02-01-a-10.23.59.jpg?resize=768%2C430&amp;ssl=1 768w, https:\/\/i0.wp.com\/itayachtscanada.com\/wp-content\/uploads\/2025\/02\/Capture-decran-le-2025-02-01-a-10.23.59.jpg?resize=1536%2C861&amp;ssl=1 1536w, https:\/\/i0.wp.com\/itayachtscanada.com\/wp-content\/uploads\/2025\/02\/Capture-decran-le-2025-02-01-a-10.23.59.jpg?resize=2048%2C1148&amp;ssl=1 2048w, https:\/\/i0.wp.com\/itayachtscanada.com\/wp-content\/uploads\/2025\/02\/Capture-decran-le-2025-02-01-a-10.23.59.jpg?resize=700%2C392&amp;ssl=1 700w, https:\/\/i0.wp.com\/itayachtscanada.com\/wp-content\/uploads\/2025\/02\/Capture-decran-le-2025-02-01-a-10.23.59.jpg?resize=2000%2C1121&amp;ssl=1 2000w, https:\/\/i0.wp.com\/itayachtscanada.com\/wp-content\/uploads\/2025\/02\/Capture-decran-le-2025-02-01-a-10.23.59.jpg?resize=714%2C400&amp;ssl=1 714w, https:\/\/i0.wp.com\/itayachtscanada.com\/wp-content\/uploads\/2025\/02\/Capture-decran-le-2025-02-01-a-10.23.59.jpg?w=1400&amp;ssl=1 1400w, https:\/\/i0.wp.com\/itayachtscanada.com\/wp-content\/uploads\/2025\/02\/Capture-decran-le-2025-02-01-a-10.23.59.jpg?w=2100&amp;ssl=1 2100w\" width=\"346\" height=\"194\" loading=\"lazy\" data-original-width=\"346\" data-original-height=\"194\" itemprop=\"http:\/\/schema.org\/image\" title=\"Capture d\u2019e\u0301cran, le 2025-02-01 a\u0300 10.23.59\" alt=\"Capture d\u2019e\u0301cran, le 2025-02-01 a\u0300 10.23.59\" style=\"width: 346px; height: 194px;\" \/> <\/a> <\/div> <\/div> <!-- close group --> <div class=\"gallery-group images-1\" style=\"width: 350px; height: 198px;\" data-original-width=\"350\" data-original-height=\"198\" > <div class=\"tiled-gallery-item tiled-gallery-item-large\" itemprop=\"associatedMedia\" itemscope itemtype=\"http:\/\/schema.org\/ImageObject\"> <a href=\"https:\/\/itayachtscanada.com\/fr\/listing\/allseas-yacht-92-explorer-expedition-2010-4500000-usd-for-sale\/capture-decran-le-2025-02-01-a-10-23-42\/\" border=\"0\" itemprop=\"url\"> <meta itemprop=\"width\" content=\"346\"> <meta itemprop=\"height\" content=\"194\"> <img decoding=\"async\" class=\"\" data-attachment-id=\"202837\" data-orig-file=\"https:\/\/itayachtscanada.com\/wp-content\/uploads\/2025\/02\/Capture-decran-le-2025-02-01-a-10.23.42.jpg\" data-orig-size=\"2402,1346\" data-comments-opened=\"1\" data-image-meta=\"{&quot;aperture&quot;:&quot;0&quot;,&quot;credit&quot;:&quot;&quot;,&quot;camera&quot;:&quot;&quot;,&quot;caption&quot;:&quot;&quot;,&quot;created_timestamp&quot;:&quot;0&quot;,&quot;copyright&quot;:&quot;&quot;,&quot;focal_length&quot;:&quot;0&quot;,&quot;iso&quot;:&quot;0&quot;,&quot;shutter_speed&quot;:&quot;0&quot;,&quot;title&quot;:&quot;&quot;,&quot;orientation&quot;:&quot;0&quot;}\" data-image-title=\"Capture d\u2019e\u0301cran, le 2025-02-01 a\u0300 10.23.42\" data-image-description=\"\" data-medium-file=\"https:\/\/i0.wp.com\/itayachtscanada.com\/wp-content\/uploads\/2025\/02\/Capture-decran-le-2025-02-01-a-10.23.42.jpg?fit=300%2C168&#038;ssl=1\" data-large-file=\"https:\/\/i0.wp.com\/itayachtscanada.com\/wp-content\/uploads\/2025\/02\/Capture-decran-le-2025-02-01-a-10.23.42.jpg?fit=700%2C392&#038;ssl=1\" src=\"https:\/\/i0.wp.com\/itayachtscanada.com\/wp-content\/uploads\/2025\/02\/Capture-decran-le-2025-02-01-a-10.23.42.jpg?w=346&#038;h=194&#038;ssl=1\" srcset=\"https:\/\/i0.wp.com\/itayachtscanada.com\/wp-content\/uploads\/2025\/02\/Capture-decran-le-2025-02-01-a-10.23.42.jpg?w=2402&amp;ssl=1 2402w, https:\/\/i0.wp.com\/itayachtscanada.com\/wp-content\/uploads\/2025\/02\/Capture-decran-le-2025-02-01-a-10.23.42.jpg?resize=300%2C168&amp;ssl=1 300w, https:\/\/i0.wp.com\/itayachtscanada.com\/wp-content\/uploads\/2025\/02\/Capture-decran-le-2025-02-01-a-10.23.42.jpg?resize=1024%2C574&amp;ssl=1 1024w, https:\/\/i0.wp.com\/itayachtscanada.com\/wp-content\/uploads\/2025\/02\/Capture-decran-le-2025-02-01-a-10.23.42.jpg?resize=768%2C430&amp;ssl=1 768w, https:\/\/i0.wp.com\/itayachtscanada.com\/wp-content\/uploads\/2025\/02\/Capture-decran-le-2025-02-01-a-10.23.42.jpg?resize=1536%2C861&amp;ssl=1 1536w, https:\/\/i0.wp.com\/itayachtscanada.com\/wp-content\/uploads\/2025\/02\/Capture-decran-le-2025-02-01-a-10.23.42.jpg?resize=2048%2C1148&amp;ssl=1 2048w, https:\/\/i0.wp.com\/itayachtscanada.com\/wp-content\/uploads\/2025\/02\/Capture-decran-le-2025-02-01-a-10.23.42.jpg?resize=700%2C392&amp;ssl=1 700w, https:\/\/i0.wp.com\/itayachtscanada.com\/wp-content\/uploads\/2025\/02\/Capture-decran-le-2025-02-01-a-10.23.42.jpg?resize=2000%2C1121&amp;ssl=1 2000w, https:\/\/i0.wp.com\/itayachtscanada.com\/wp-content\/uploads\/2025\/02\/Capture-decran-le-2025-02-01-a-10.23.42.jpg?resize=714%2C400&amp;ssl=1 714w, https:\/\/i0.wp.com\/itayachtscanada.com\/wp-content\/uploads\/2025\/02\/Capture-decran-le-2025-02-01-a-10.23.42.jpg?w=1400&amp;ssl=1 1400w, https:\/\/i0.wp.com\/itayachtscanada.com\/wp-content\/uploads\/2025\/02\/Capture-decran-le-2025-02-01-a-10.23.42.jpg?w=2100&amp;ssl=1 2100w\" width=\"346\" height=\"194\" loading=\"lazy\" data-original-width=\"346\" data-original-height=\"194\" itemprop=\"http:\/\/schema.org\/image\" title=\"Capture d\u2019e\u0301cran, le 2025-02-01 a\u0300 10.23.42\" alt=\"Capture d\u2019e\u0301cran, le 2025-02-01 a\u0300 10.23.42\" style=\"width: 346px; height: 194px;\" \/> <\/a> <\/div> <\/div> <!-- close group --> <\/div> <!-- close row --> <div class=\"gallery-row\" style=\"width: 700px; height: 294px;\" data-original-width=\"700\" data-original-height=\"294\" > <div class=\"gallery-group images-2\" style=\"width: 259px; height: 294px;\" data-original-width=\"259\" data-original-height=\"294\" > <div class=\"tiled-gallery-item tiled-gallery-item-large\" itemprop=\"associatedMedia\" itemscope itemtype=\"http:\/\/schema.org\/ImageObject\"> <a href=\"https:\/\/itayachtscanada.com\/fr\/listing\/allseas-yacht-92-explorer-expedition-2010-4500000-usd-for-sale\/capture-decran-le-2025-02-01-a-10-23-29\/\" border=\"0\" itemprop=\"url\"> <meta itemprop=\"width\" content=\"255\"> <meta itemprop=\"height\" content=\"143\"> <img decoding=\"async\" class=\"\" data-attachment-id=\"202839\" data-orig-file=\"https:\/\/itayachtscanada.com\/wp-content\/uploads\/2025\/02\/Capture-decran-le-2025-02-01-a-10.23.29.jpg\" data-orig-size=\"2402,1346\" data-comments-opened=\"1\" data-image-meta=\"{&quot;aperture&quot;:&quot;0&quot;,&quot;credit&quot;:&quot;&quot;,&quot;camera&quot;:&quot;&quot;,&quot;caption&quot;:&quot;&quot;,&quot;created_timestamp&quot;:&quot;0&quot;,&quot;copyright&quot;:&quot;&quot;,&quot;focal_length&quot;:&quot;0&quot;,&quot;iso&quot;:&quot;0&quot;,&quot;shutter_speed&quot;:&quot;0&quot;,&quot;title&quot;:&quot;&quot;,&quot;orientation&quot;:&quot;0&quot;}\" data-image-title=\"Capture d\u2019e\u0301cran, le 2025-02-01 a\u0300 10.23.29\" data-image-description=\"\" data-medium-file=\"https:\/\/i0.wp.com\/itayachtscanada.com\/wp-content\/uploads\/2025\/02\/Capture-decran-le-2025-02-01-a-10.23.29.jpg?fit=300%2C168&#038;ssl=1\" data-large-file=\"https:\/\/i0.wp.com\/itayachtscanada.com\/wp-content\/uploads\/2025\/02\/Capture-decran-le-2025-02-01-a-10.23.29.jpg?fit=700%2C392&#038;ssl=1\" src=\"https:\/\/i0.wp.com\/itayachtscanada.com\/wp-content\/uploads\/2025\/02\/Capture-decran-le-2025-02-01-a-10.23.29.jpg?w=255&#038;h=143&#038;ssl=1\" srcset=\"https:\/\/i0.wp.com\/itayachtscanada.com\/wp-content\/uploads\/2025\/02\/Capture-decran-le-2025-02-01-a-10.23.29.jpg?w=2402&amp;ssl=1 2402w, https:\/\/i0.wp.com\/itayachtscanada.com\/wp-content\/uploads\/2025\/02\/Capture-decran-le-2025-02-01-a-10.23.29.jpg?resize=300%2C168&amp;ssl=1 300w, https:\/\/i0.wp.com\/itayachtscanada.com\/wp-content\/uploads\/2025\/02\/Capture-decran-le-2025-02-01-a-10.23.29.jpg?resize=1024%2C574&amp;ssl=1 1024w, https:\/\/i0.wp.com\/itayachtscanada.com\/wp-content\/uploads\/2025\/02\/Capture-decran-le-2025-02-01-a-10.23.29.jpg?resize=768%2C430&amp;ssl=1 768w, https:\/\/i0.wp.com\/itayachtscanada.com\/wp-content\/uploads\/2025\/02\/Capture-decran-le-2025-02-01-a-10.23.29.jpg?resize=1536%2C861&amp;ssl=1 1536w, https:\/\/i0.wp.com\/itayachtscanada.com\/wp-content\/uploads\/2025\/02\/Capture-decran-le-2025-02-01-a-10.23.29.jpg?resize=2048%2C1148&amp;ssl=1 2048w, https:\/\/i0.wp.com\/itayachtscanada.com\/wp-content\/uploads\/2025\/02\/Capture-decran-le-2025-02-01-a-10.23.29.jpg?resize=700%2C392&amp;ssl=1 700w, https:\/\/i0.wp.com\/itayachtscanada.com\/wp-content\/uploads\/2025\/02\/Capture-decran-le-2025-02-01-a-10.23.29.jpg?resize=2000%2C1121&amp;ssl=1 2000w, https:\/\/i0.wp.com\/itayachtscanada.com\/wp-content\/uploads\/2025\/02\/Capture-decran-le-2025-02-01-a-10.23.29.jpg?resize=714%2C400&amp;ssl=1 714w, https:\/\/i0.wp.com\/itayachtscanada.com\/wp-content\/uploads\/2025\/02\/Capture-decran-le-2025-02-01-a-10.23.29.jpg?w=1400&amp;ssl=1 1400w, https:\/\/i0.wp.com\/itayachtscanada.com\/wp-content\/uploads\/2025\/02\/Capture-decran-le-2025-02-01-a-10.23.29.jpg?w=2100&amp;ssl=1 2100w\" width=\"255\" height=\"143\" loading=\"lazy\" data-original-width=\"255\" data-original-height=\"143\" itemprop=\"http:\/\/schema.org\/image\" title=\"Capture d\u2019e\u0301cran, le 2025-02-01 a\u0300 10.23.29\" alt=\"Capture d\u2019e\u0301cran, le 2025-02-01 a\u0300 10.23.29\" style=\"width: 255px; height: 143px;\" \/> <\/a> <\/div> <div class=\"tiled-gallery-item tiled-gallery-item-large\" itemprop=\"associatedMedia\" itemscope itemtype=\"http:\/\/schema.org\/ImageObject\"> <a href=\"https:\/\/itayachtscanada.com\/fr\/listing\/allseas-yacht-92-explorer-expedition-2010-4500000-usd-for-sale\/capture-decran-le-2025-02-01-a-10-23-35\/\" border=\"0\" itemprop=\"url\"> <meta itemprop=\"width\" content=\"255\"> <meta itemprop=\"height\" content=\"143\"> <img decoding=\"async\" class=\"\" data-attachment-id=\"202838\" data-orig-file=\"https:\/\/itayachtscanada.com\/wp-content\/uploads\/2025\/02\/Capture-decran-le-2025-02-01-a-10.23.35.jpg\" data-orig-size=\"2402,1346\" data-comments-opened=\"1\" data-image-meta=\"{&quot;aperture&quot;:&quot;0&quot;,&quot;credit&quot;:&quot;&quot;,&quot;camera&quot;:&quot;&quot;,&quot;caption&quot;:&quot;&quot;,&quot;created_timestamp&quot;:&quot;0&quot;,&quot;copyright&quot;:&quot;&quot;,&quot;focal_length&quot;:&quot;0&quot;,&quot;iso&quot;:&quot;0&quot;,&quot;shutter_speed&quot;:&quot;0&quot;,&quot;title&quot;:&quot;&quot;,&quot;orientation&quot;:&quot;0&quot;}\" data-image-title=\"Capture d\u2019e\u0301cran, le 2025-02-01 a\u0300 10.23.35\" data-image-description=\"\" data-medium-file=\"https:\/\/i0.wp.com\/itayachtscanada.com\/wp-content\/uploads\/2025\/02\/Capture-decran-le-2025-02-01-a-10.23.35.jpg?fit=300%2C168&#038;ssl=1\" data-large-file=\"https:\/\/i0.wp.com\/itayachtscanada.com\/wp-content\/uploads\/2025\/02\/Capture-decran-le-2025-02-01-a-10.23.35.jpg?fit=700%2C392&#038;ssl=1\" src=\"https:\/\/i0.wp.com\/itayachtscanada.com\/wp-content\/uploads\/2025\/02\/Capture-decran-le-2025-02-01-a-10.23.35.jpg?w=255&#038;h=143&#038;ssl=1\" srcset=\"https:\/\/i0.wp.com\/itayachtscanada.com\/wp-content\/uploads\/2025\/02\/Capture-decran-le-2025-02-01-a-10.23.35.jpg?w=2402&amp;ssl=1 2402w, https:\/\/i0.wp.com\/itayachtscanada.com\/wp-content\/uploads\/2025\/02\/Capture-decran-le-2025-02-01-a-10.23.35.jpg?resize=300%2C168&amp;ssl=1 300w, https:\/\/i0.wp.com\/itayachtscanada.com\/wp-content\/uploads\/2025\/02\/Capture-decran-le-2025-02-01-a-10.23.35.jpg?resize=1024%2C574&amp;ssl=1 1024w, https:\/\/i0.wp.com\/itayachtscanada.com\/wp-content\/uploads\/2025\/02\/Capture-decran-le-2025-02-01-a-10.23.35.jpg?resize=768%2C430&amp;ssl=1 768w, https:\/\/i0.wp.com\/itayachtscanada.com\/wp-content\/uploads\/2025\/02\/Capture-decran-le-2025-02-01-a-10.23.35.jpg?resize=1536%2C861&amp;ssl=1 1536w, https:\/\/i0.wp.com\/itayachtscanada.com\/wp-content\/uploads\/2025\/02\/Capture-decran-le-2025-02-01-a-10.23.35.jpg?resize=2048%2C1148&amp;ssl=1 2048w, https:\/\/i0.wp.com\/itayachtscanada.com\/wp-content\/uploads\/2025\/02\/Capture-decran-le-2025-02-01-a-10.23.35.jpg?resize=700%2C392&amp;ssl=1 700w, https:\/\/i0.wp.com\/itayachtscanada.com\/wp-content\/uploads\/2025\/02\/Capture-decran-le-2025-02-01-a-10.23.35.jpg?resize=2000%2C1121&amp;ssl=1 2000w, https:\/\/i0.wp.com\/itayachtscanada.com\/wp-content\/uploads\/2025\/02\/Capture-decran-le-2025-02-01-a-10.23.35.jpg?resize=714%2C400&amp;ssl=1 714w, https:\/\/i0.wp.com\/itayachtscanada.com\/wp-content\/uploads\/2025\/02\/Capture-decran-le-2025-02-01-a-10.23.35.jpg?w=1400&amp;ssl=1 1400w, https:\/\/i0.wp.com\/itayachtscanada.com\/wp-content\/uploads\/2025\/02\/Capture-decran-le-2025-02-01-a-10.23.35.jpg?w=2100&amp;ssl=1 2100w\" width=\"255\" height=\"143\" loading=\"lazy\" data-original-width=\"255\" data-original-height=\"143\" itemprop=\"http:\/\/schema.org\/image\" title=\"Capture d\u2019e\u0301cran, le 2025-02-01 a\u0300 10.23.35\" alt=\"Capture d\u2019e\u0301cran, le 2025-02-01 a\u0300 10.23.35\" style=\"width: 255px; height: 143px;\" \/> <\/a> <\/div> <\/div> <!-- close group --> <div class=\"gallery-group images-1\" style=\"width: 441px; height: 294px;\" data-original-width=\"441\" data-original-height=\"294\" > <div class=\"tiled-gallery-item tiled-gallery-item-large\" itemprop=\"associatedMedia\" itemscope itemtype=\"http:\/\/schema.org\/ImageObject\"> <a href=\"https:\/\/itayachtscanada.com\/fr\/listing\/allseas-yacht-92-explorer-expedition-2010-4500000-usd-for-sale\/capture-decran-le-2025-02-01-a-10-13-03\/\" border=\"0\" itemprop=\"url\"> <meta itemprop=\"width\" content=\"437\"> <meta itemprop=\"height\" content=\"290\"> <img decoding=\"async\" class=\"\" data-attachment-id=\"202866\" data-orig-file=\"https:\/\/itayachtscanada.com\/wp-content\/uploads\/2025\/02\/Capture-decran-le-2025-02-01-a-10.13.03.jpg\" data-orig-size=\"1536,1020\" data-comments-opened=\"1\" data-image-meta=\"{&quot;aperture&quot;:&quot;0&quot;,&quot;credit&quot;:&quot;&quot;,&quot;camera&quot;:&quot;&quot;,&quot;caption&quot;:&quot;&quot;,&quot;created_timestamp&quot;:&quot;0&quot;,&quot;copyright&quot;:&quot;&quot;,&quot;focal_length&quot;:&quot;0&quot;,&quot;iso&quot;:&quot;0&quot;,&quot;shutter_speed&quot;:&quot;0&quot;,&quot;title&quot;:&quot;&quot;,&quot;orientation&quot;:&quot;0&quot;}\" data-image-title=\"Capture d\u2019e\u0301cran, le 2025-02-01 a\u0300 10.13.03\" data-image-description=\"\" data-medium-file=\"https:\/\/i0.wp.com\/itayachtscanada.com\/wp-content\/uploads\/2025\/02\/Capture-decran-le-2025-02-01-a-10.13.03.jpg?fit=300%2C199&#038;ssl=1\" data-large-file=\"https:\/\/i0.wp.com\/itayachtscanada.com\/wp-content\/uploads\/2025\/02\/Capture-decran-le-2025-02-01-a-10.13.03.jpg?fit=700%2C465&#038;ssl=1\" src=\"https:\/\/i0.wp.com\/itayachtscanada.com\/wp-content\/uploads\/2025\/02\/Capture-decran-le-2025-02-01-a-10.13.03.jpg?w=437&#038;h=290&#038;ssl=1\" srcset=\"https:\/\/i0.wp.com\/itayachtscanada.com\/wp-content\/uploads\/2025\/02\/Capture-decran-le-2025-02-01-a-10.13.03.jpg?w=1536&amp;ssl=1 1536w, https:\/\/i0.wp.com\/itayachtscanada.com\/wp-content\/uploads\/2025\/02\/Capture-decran-le-2025-02-01-a-10.13.03.jpg?resize=300%2C199&amp;ssl=1 300w, https:\/\/i0.wp.com\/itayachtscanada.com\/wp-content\/uploads\/2025\/02\/Capture-decran-le-2025-02-01-a-10.13.03.jpg?resize=1024%2C680&amp;ssl=1 1024w, https:\/\/i0.wp.com\/itayachtscanada.com\/wp-content\/uploads\/2025\/02\/Capture-decran-le-2025-02-01-a-10.13.03.jpg?resize=768%2C510&amp;ssl=1 768w, https:\/\/i0.wp.com\/itayachtscanada.com\/wp-content\/uploads\/2025\/02\/Capture-decran-le-2025-02-01-a-10.13.03.jpg?resize=700%2C465&amp;ssl=1 700w, https:\/\/i0.wp.com\/itayachtscanada.com\/wp-content\/uploads\/2025\/02\/Capture-decran-le-2025-02-01-a-10.13.03.jpg?resize=900%2C600&amp;ssl=1 900w, https:\/\/i0.wp.com\/itayachtscanada.com\/wp-content\/uploads\/2025\/02\/Capture-decran-le-2025-02-01-a-10.13.03.jpg?resize=602%2C400&amp;ssl=1 602w, https:\/\/i0.wp.com\/itayachtscanada.com\/wp-content\/uploads\/2025\/02\/Capture-decran-le-2025-02-01-a-10.13.03.jpg?w=1400&amp;ssl=1 1400w\" width=\"437\" height=\"290\" loading=\"lazy\" data-original-width=\"437\" data-original-height=\"290\" itemprop=\"http:\/\/schema.org\/image\" title=\"Capture d\u2019e\u0301cran, le 2025-02-01 a\u0300 10.13.03\" alt=\"Capture d\u2019e\u0301cran, le 2025-02-01 a\u0300 10.13.03\" style=\"width: 437px; height: 290px;\" \/> <\/a> <\/div> <\/div> <!-- close group --> <\/div> <!-- close row --> <div class=\"gallery-row\" style=\"width: 700px; height: 312px;\" data-original-width=\"700\" data-original-height=\"312\" > <div class=\"gallery-group images-1\" style=\"width: 467px; height: 312px;\" data-original-width=\"467\" data-original-height=\"312\" > <div class=\"tiled-gallery-item tiled-gallery-item-large\" itemprop=\"associatedMedia\" itemscope itemtype=\"http:\/\/schema.org\/ImageObject\"> <a href=\"https:\/\/itayachtscanada.com\/fr\/listing\/allseas-yacht-92-explorer-expedition-2010-4500000-usd-for-sale\/capture-decran-le-2025-02-01-a-10-13-00\/\" border=\"0\" itemprop=\"url\"> <meta itemprop=\"width\" content=\"463\"> <meta itemprop=\"height\" content=\"308\"> <img decoding=\"async\" class=\"\" data-attachment-id=\"202867\" data-orig-file=\"https:\/\/itayachtscanada.com\/wp-content\/uploads\/2025\/02\/Capture-decran-le-2025-02-01-a-10.13.00.jpg\" data-orig-size=\"1536,1020\" data-comments-opened=\"1\" data-image-meta=\"{&quot;aperture&quot;:&quot;0&quot;,&quot;credit&quot;:&quot;&quot;,&quot;camera&quot;:&quot;&quot;,&quot;caption&quot;:&quot;&quot;,&quot;created_timestamp&quot;:&quot;0&quot;,&quot;copyright&quot;:&quot;&quot;,&quot;focal_length&quot;:&quot;0&quot;,&quot;iso&quot;:&quot;0&quot;,&quot;shutter_speed&quot;:&quot;0&quot;,&quot;title&quot;:&quot;&quot;,&quot;orientation&quot;:&quot;0&quot;}\" data-image-title=\"Capture d\u2019e\u0301cran, le 2025-02-01 a\u0300 10.13.00\" data-image-description=\"\" data-medium-file=\"https:\/\/i0.wp.com\/itayachtscanada.com\/wp-content\/uploads\/2025\/02\/Capture-decran-le-2025-02-01-a-10.13.00.jpg?fit=300%2C199&#038;ssl=1\" data-large-file=\"https:\/\/i0.wp.com\/itayachtscanada.com\/wp-content\/uploads\/2025\/02\/Capture-decran-le-2025-02-01-a-10.13.00.jpg?fit=700%2C465&#038;ssl=1\" src=\"https:\/\/i0.wp.com\/itayachtscanada.com\/wp-content\/uploads\/2025\/02\/Capture-decran-le-2025-02-01-a-10.13.00.jpg?w=463&#038;h=308&#038;ssl=1\" srcset=\"https:\/\/i0.wp.com\/itayachtscanada.com\/wp-content\/uploads\/2025\/02\/Capture-decran-le-2025-02-01-a-10.13.00.jpg?w=1536&amp;ssl=1 1536w, https:\/\/i0.wp.com\/itayachtscanada.com\/wp-content\/uploads\/2025\/02\/Capture-decran-le-2025-02-01-a-10.13.00.jpg?resize=300%2C199&amp;ssl=1 300w, https:\/\/i0.wp.com\/itayachtscanada.com\/wp-content\/uploads\/2025\/02\/Capture-decran-le-2025-02-01-a-10.13.00.jpg?resize=1024%2C680&amp;ssl=1 1024w, https:\/\/i0.wp.com\/itayachtscanada.com\/wp-content\/uploads\/2025\/02\/Capture-decran-le-2025-02-01-a-10.13.00.jpg?resize=768%2C510&amp;ssl=1 768w, https:\/\/i0.wp.com\/itayachtscanada.com\/wp-content\/uploads\/2025\/02\/Capture-decran-le-2025-02-01-a-10.13.00.jpg?resize=700%2C465&amp;ssl=1 700w, https:\/\/i0.wp.com\/itayachtscanada.com\/wp-content\/uploads\/2025\/02\/Capture-decran-le-2025-02-01-a-10.13.00.jpg?resize=900%2C600&amp;ssl=1 900w, https:\/\/i0.wp.com\/itayachtscanada.com\/wp-content\/uploads\/2025\/02\/Capture-decran-le-2025-02-01-a-10.13.00.jpg?resize=602%2C400&amp;ssl=1 602w, https:\/\/i0.wp.com\/itayachtscanada.com\/wp-content\/uploads\/2025\/02\/Capture-decran-le-2025-02-01-a-10.13.00.jpg?w=1400&amp;ssl=1 1400w\" width=\"463\" height=\"308\" loading=\"lazy\" data-original-width=\"463\" data-original-height=\"308\" itemprop=\"http:\/\/schema.org\/image\" title=\"Capture d\u2019e\u0301cran, le 2025-02-01 a\u0300 10.13.00\" alt=\"Capture d\u2019e\u0301cran, le 2025-02-01 a\u0300 10.13.00\" style=\"width: 463px; height: 308px;\" \/> <\/a> <\/div> <\/div> <!-- close group --> <div class=\"gallery-group images-2\" style=\"width: 233px; height: 312px;\" data-original-width=\"233\" data-original-height=\"312\" > <div class=\"tiled-gallery-item tiled-gallery-item-small\" itemprop=\"associatedMedia\" itemscope itemtype=\"http:\/\/schema.org\/ImageObject\"> <a href=\"https:\/\/itayachtscanada.com\/fr\/listing\/allseas-yacht-92-explorer-expedition-2010-4500000-usd-for-sale\/capture-decran-le-2025-02-01-a-10-12-58\/\" border=\"0\" itemprop=\"url\"> <meta itemprop=\"width\" content=\"229\"> <meta itemprop=\"height\" content=\"152\"> <img decoding=\"async\" class=\"\" data-attachment-id=\"202868\" data-orig-file=\"https:\/\/itayachtscanada.com\/wp-content\/uploads\/2025\/02\/Capture-decran-le-2025-02-01-a-10.12.58.jpg\" data-orig-size=\"1536,1020\" data-comments-opened=\"1\" data-image-meta=\"{&quot;aperture&quot;:&quot;0&quot;,&quot;credit&quot;:&quot;&quot;,&quot;camera&quot;:&quot;&quot;,&quot;caption&quot;:&quot;&quot;,&quot;created_timestamp&quot;:&quot;0&quot;,&quot;copyright&quot;:&quot;&quot;,&quot;focal_length&quot;:&quot;0&quot;,&quot;iso&quot;:&quot;0&quot;,&quot;shutter_speed&quot;:&quot;0&quot;,&quot;title&quot;:&quot;&quot;,&quot;orientation&quot;:&quot;0&quot;}\" data-image-title=\"Capture d\u2019e\u0301cran, le 2025-02-01 a\u0300 10.12.58\" data-image-description=\"\" data-medium-file=\"https:\/\/i0.wp.com\/itayachtscanada.com\/wp-content\/uploads\/2025\/02\/Capture-decran-le-2025-02-01-a-10.12.58.jpg?fit=300%2C199&#038;ssl=1\" data-large-file=\"https:\/\/i0.wp.com\/itayachtscanada.com\/wp-content\/uploads\/2025\/02\/Capture-decran-le-2025-02-01-a-10.12.58.jpg?fit=700%2C465&#038;ssl=1\" src=\"https:\/\/i0.wp.com\/itayachtscanada.com\/wp-content\/uploads\/2025\/02\/Capture-decran-le-2025-02-01-a-10.12.58.jpg?w=229&#038;h=152&#038;ssl=1\" srcset=\"https:\/\/i0.wp.com\/itayachtscanada.com\/wp-content\/uploads\/2025\/02\/Capture-decran-le-2025-02-01-a-10.12.58.jpg?w=1536&amp;ssl=1 1536w, https:\/\/i0.wp.com\/itayachtscanada.com\/wp-content\/uploads\/2025\/02\/Capture-decran-le-2025-02-01-a-10.12.58.jpg?resize=300%2C199&amp;ssl=1 300w, https:\/\/i0.wp.com\/itayachtscanada.com\/wp-content\/uploads\/2025\/02\/Capture-decran-le-2025-02-01-a-10.12.58.jpg?resize=1024%2C680&amp;ssl=1 1024w, https:\/\/i0.wp.com\/itayachtscanada.com\/wp-content\/uploads\/2025\/02\/Capture-decran-le-2025-02-01-a-10.12.58.jpg?resize=768%2C510&amp;ssl=1 768w, https:\/\/i0.wp.com\/itayachtscanada.com\/wp-content\/uploads\/2025\/02\/Capture-decran-le-2025-02-01-a-10.12.58.jpg?resize=700%2C465&amp;ssl=1 700w, https:\/\/i0.wp.com\/itayachtscanada.com\/wp-content\/uploads\/2025\/02\/Capture-decran-le-2025-02-01-a-10.12.58.jpg?resize=900%2C600&amp;ssl=1 900w, https:\/\/i0.wp.com\/itayachtscanada.com\/wp-content\/uploads\/2025\/02\/Capture-decran-le-2025-02-01-a-10.12.58.jpg?resize=602%2C400&amp;ssl=1 602w, https:\/\/i0.wp.com\/itayachtscanada.com\/wp-content\/uploads\/2025\/02\/Capture-decran-le-2025-02-01-a-10.12.58.jpg?w=1400&amp;ssl=1 1400w\" width=\"229\" height=\"152\" loading=\"lazy\" data-original-width=\"229\" data-original-height=\"152\" itemprop=\"http:\/\/schema.org\/image\" title=\"Capture d\u2019e\u0301cran, le 2025-02-01 a\u0300 10.12.58\" alt=\"Capture d\u2019e\u0301cran, le 2025-02-01 a\u0300 10.12.58\" style=\"width: 229px; height: 152px;\" \/> <\/a> <\/div> <div class=\"tiled-gallery-item tiled-gallery-item-small\" itemprop=\"associatedMedia\" itemscope itemtype=\"http:\/\/schema.org\/ImageObject\"> <a href=\"https:\/\/itayachtscanada.com\/fr\/listing\/allseas-yacht-92-explorer-expedition-2010-4500000-usd-for-sale\/capture-decran-le-2025-02-01-a-10-12-55\/\" border=\"0\" itemprop=\"url\"> <meta itemprop=\"width\" content=\"229\"> <meta itemprop=\"height\" content=\"152\"> <img decoding=\"async\" class=\"\" data-attachment-id=\"202869\" data-orig-file=\"https:\/\/itayachtscanada.com\/wp-content\/uploads\/2025\/02\/Capture-decran-le-2025-02-01-a-10.12.55.jpg\" data-orig-size=\"1536,1020\" data-comments-opened=\"1\" data-image-meta=\"{&quot;aperture&quot;:&quot;0&quot;,&quot;credit&quot;:&quot;&quot;,&quot;camera&quot;:&quot;&quot;,&quot;caption&quot;:&quot;&quot;,&quot;created_timestamp&quot;:&quot;0&quot;,&quot;copyright&quot;:&quot;&quot;,&quot;focal_length&quot;:&quot;0&quot;,&quot;iso&quot;:&quot;0&quot;,&quot;shutter_speed&quot;:&quot;0&quot;,&quot;title&quot;:&quot;&quot;,&quot;orientation&quot;:&quot;0&quot;}\" data-image-title=\"Capture d\u2019e\u0301cran, le 2025-02-01 a\u0300 10.12.55\" data-image-description=\"\" data-medium-file=\"https:\/\/i0.wp.com\/itayachtscanada.com\/wp-content\/uploads\/2025\/02\/Capture-decran-le-2025-02-01-a-10.12.55.jpg?fit=300%2C199&#038;ssl=1\" data-large-file=\"https:\/\/i0.wp.com\/itayachtscanada.com\/wp-content\/uploads\/2025\/02\/Capture-decran-le-2025-02-01-a-10.12.55.jpg?fit=700%2C465&#038;ssl=1\" src=\"https:\/\/i0.wp.com\/itayachtscanada.com\/wp-content\/uploads\/2025\/02\/Capture-decran-le-2025-02-01-a-10.12.55.jpg?w=229&#038;h=152&#038;ssl=1\" srcset=\"https:\/\/i0.wp.com\/itayachtscanada.com\/wp-content\/uploads\/2025\/02\/Capture-decran-le-2025-02-01-a-10.12.55.jpg?w=1536&amp;ssl=1 1536w, https:\/\/i0.wp.com\/itayachtscanada.com\/wp-content\/uploads\/2025\/02\/Capture-decran-le-2025-02-01-a-10.12.55.jpg?resize=300%2C199&amp;ssl=1 300w, https:\/\/i0.wp.com\/itayachtscanada.com\/wp-content\/uploads\/2025\/02\/Capture-decran-le-2025-02-01-a-10.12.55.jpg?resize=1024%2C680&amp;ssl=1 1024w, https:\/\/i0.wp.com\/itayachtscanada.com\/wp-content\/uploads\/2025\/02\/Capture-decran-le-2025-02-01-a-10.12.55.jpg?resize=768%2C510&amp;ssl=1 768w, https:\/\/i0.wp.com\/itayachtscanada.com\/wp-content\/uploads\/2025\/02\/Capture-decran-le-2025-02-01-a-10.12.55.jpg?resize=700%2C465&amp;ssl=1 700w, https:\/\/i0.wp.com\/itayachtscanada.com\/wp-content\/uploads\/2025\/02\/Capture-decran-le-2025-02-01-a-10.12.55.jpg?resize=900%2C600&amp;ssl=1 900w, https:\/\/i0.wp.com\/itayachtscanada.com\/wp-content\/uploads\/2025\/02\/Capture-decran-le-2025-02-01-a-10.12.55.jpg?resize=602%2C400&amp;ssl=1 602w, https:\/\/i0.wp.com\/itayachtscanada.com\/wp-content\/uploads\/2025\/02\/Capture-decran-le-2025-02-01-a-10.12.55.jpg?w=1400&amp;ssl=1 1400w\" width=\"229\" height=\"152\" loading=\"lazy\" data-original-width=\"229\" data-original-height=\"152\" itemprop=\"http:\/\/schema.org\/image\" title=\"Capture d\u2019e\u0301cran, le 2025-02-01 a\u0300 10.12.55\" alt=\"Capture d\u2019e\u0301cran, le 2025-02-01 a\u0300 10.12.55\" style=\"width: 229px; height: 152px;\" \/> <\/a> <\/div> <\/div> <!-- close group --> <\/div> <!-- close row --> <div class=\"gallery-row\" style=\"width: 700px; height: 156px;\" data-original-width=\"700\" data-original-height=\"156\" > <div class=\"gallery-group images-1\" style=\"width: 234px; height: 156px;\" data-original-width=\"234\" data-original-height=\"156\" > <div class=\"tiled-gallery-item tiled-gallery-item-small\" itemprop=\"associatedMedia\" itemscope itemtype=\"http:\/\/schema.org\/ImageObject\"> <a href=\"https:\/\/itayachtscanada.com\/fr\/listing\/allseas-yacht-92-explorer-expedition-2010-4500000-usd-for-sale\/capture-decran-le-2025-02-01-a-10-12-52\/\" border=\"0\" itemprop=\"url\"> <meta itemprop=\"width\" content=\"230\"> <meta itemprop=\"height\" content=\"152\"> <img decoding=\"async\" class=\"\" data-attachment-id=\"202870\" data-orig-file=\"https:\/\/itayachtscanada.com\/wp-content\/uploads\/2025\/02\/Capture-decran-le-2025-02-01-a-10.12.52.jpg\" data-orig-size=\"1536,1020\" data-comments-opened=\"1\" data-image-meta=\"{&quot;aperture&quot;:&quot;0&quot;,&quot;credit&quot;:&quot;&quot;,&quot;camera&quot;:&quot;&quot;,&quot;caption&quot;:&quot;&quot;,&quot;created_timestamp&quot;:&quot;0&quot;,&quot;copyright&quot;:&quot;&quot;,&quot;focal_length&quot;:&quot;0&quot;,&quot;iso&quot;:&quot;0&quot;,&quot;shutter_speed&quot;:&quot;0&quot;,&quot;title&quot;:&quot;&quot;,&quot;orientation&quot;:&quot;0&quot;}\" data-image-title=\"Capture d\u2019e\u0301cran, le 2025-02-01 a\u0300 10.12.52\" data-image-description=\"\" data-medium-file=\"https:\/\/i0.wp.com\/itayachtscanada.com\/wp-content\/uploads\/2025\/02\/Capture-decran-le-2025-02-01-a-10.12.52.jpg?fit=300%2C199&#038;ssl=1\" data-large-file=\"https:\/\/i0.wp.com\/itayachtscanada.com\/wp-content\/uploads\/2025\/02\/Capture-decran-le-2025-02-01-a-10.12.52.jpg?fit=700%2C465&#038;ssl=1\" src=\"https:\/\/i0.wp.com\/itayachtscanada.com\/wp-content\/uploads\/2025\/02\/Capture-decran-le-2025-02-01-a-10.12.52.jpg?w=230&#038;h=152&#038;ssl=1\" srcset=\"https:\/\/i0.wp.com\/itayachtscanada.com\/wp-content\/uploads\/2025\/02\/Capture-decran-le-2025-02-01-a-10.12.52.jpg?w=1536&amp;ssl=1 1536w, https:\/\/i0.wp.com\/itayachtscanada.com\/wp-content\/uploads\/2025\/02\/Capture-decran-le-2025-02-01-a-10.12.52.jpg?resize=300%2C199&amp;ssl=1 300w, https:\/\/i0.wp.com\/itayachtscanada.com\/wp-content\/uploads\/2025\/02\/Capture-decran-le-2025-02-01-a-10.12.52.jpg?resize=1024%2C680&amp;ssl=1 1024w, https:\/\/i0.wp.com\/itayachtscanada.com\/wp-content\/uploads\/2025\/02\/Capture-decran-le-2025-02-01-a-10.12.52.jpg?resize=768%2C510&amp;ssl=1 768w, https:\/\/i0.wp.com\/itayachtscanada.com\/wp-content\/uploads\/2025\/02\/Capture-decran-le-2025-02-01-a-10.12.52.jpg?resize=700%2C465&amp;ssl=1 700w, https:\/\/i0.wp.com\/itayachtscanada.com\/wp-content\/uploads\/2025\/02\/Capture-decran-le-2025-02-01-a-10.12.52.jpg?resize=900%2C600&amp;ssl=1 900w, https:\/\/i0.wp.com\/itayachtscanada.com\/wp-content\/uploads\/2025\/02\/Capture-decran-le-2025-02-01-a-10.12.52.jpg?resize=602%2C400&amp;ssl=1 602w, https:\/\/i0.wp.com\/itayachtscanada.com\/wp-content\/uploads\/2025\/02\/Capture-decran-le-2025-02-01-a-10.12.52.jpg?w=1400&amp;ssl=1 1400w\" width=\"230\" height=\"152\" loading=\"lazy\" data-original-width=\"230\" data-original-height=\"152\" itemprop=\"http:\/\/schema.org\/image\" title=\"Capture d\u2019e\u0301cran, le 2025-02-01 a\u0300 10.12.52\" alt=\"Capture d\u2019e\u0301cran, le 2025-02-01 a\u0300 10.12.52\" style=\"width: 230px; height: 152px;\" \/> <\/a> <\/div> <\/div> <!-- close group --> <div class=\"gallery-group images-1\" style=\"width: 233px; height: 156px;\" data-original-width=\"233\" data-original-height=\"156\" > <div class=\"tiled-gallery-item tiled-gallery-item-small\" itemprop=\"associatedMedia\" itemscope itemtype=\"http:\/\/schema.org\/ImageObject\"> <a href=\"https:\/\/itayachtscanada.com\/fr\/listing\/allseas-yacht-92-explorer-expedition-2010-4500000-usd-for-sale\/capture-decran-le-2025-02-01-a-10-12-47\/\" border=\"0\" itemprop=\"url\"> <meta itemprop=\"width\" content=\"229\"> <meta itemprop=\"height\" content=\"152\"> <img decoding=\"async\" class=\"\" data-attachment-id=\"202871\" data-orig-file=\"https:\/\/itayachtscanada.com\/wp-content\/uploads\/2025\/02\/Capture-decran-le-2025-02-01-a-10.12.47.jpg\" data-orig-size=\"1536,1020\" data-comments-opened=\"1\" data-image-meta=\"{&quot;aperture&quot;:&quot;0&quot;,&quot;credit&quot;:&quot;&quot;,&quot;camera&quot;:&quot;&quot;,&quot;caption&quot;:&quot;&quot;,&quot;created_timestamp&quot;:&quot;0&quot;,&quot;copyright&quot;:&quot;&quot;,&quot;focal_length&quot;:&quot;0&quot;,&quot;iso&quot;:&quot;0&quot;,&quot;shutter_speed&quot;:&quot;0&quot;,&quot;title&quot;:&quot;&quot;,&quot;orientation&quot;:&quot;0&quot;}\" data-image-title=\"Capture d\u2019e\u0301cran, le 2025-02-01 a\u0300 10.12.47\" data-image-description=\"\" data-medium-file=\"https:\/\/i0.wp.com\/itayachtscanada.com\/wp-content\/uploads\/2025\/02\/Capture-decran-le-2025-02-01-a-10.12.47.jpg?fit=300%2C199&#038;ssl=1\" data-large-file=\"https:\/\/i0.wp.com\/itayachtscanada.com\/wp-content\/uploads\/2025\/02\/Capture-decran-le-2025-02-01-a-10.12.47.jpg?fit=700%2C465&#038;ssl=1\" src=\"https:\/\/i0.wp.com\/itayachtscanada.com\/wp-content\/uploads\/2025\/02\/Capture-decran-le-2025-02-01-a-10.12.47.jpg?w=229&#038;h=152&#038;ssl=1\" srcset=\"https:\/\/i0.wp.com\/itayachtscanada.com\/wp-content\/uploads\/2025\/02\/Capture-decran-le-2025-02-01-a-10.12.47.jpg?w=1536&amp;ssl=1 1536w, https:\/\/i0.wp.com\/itayachtscanada.com\/wp-content\/uploads\/2025\/02\/Capture-decran-le-2025-02-01-a-10.12.47.jpg?resize=300%2C199&amp;ssl=1 300w, https:\/\/i0.wp.com\/itayachtscanada.com\/wp-content\/uploads\/2025\/02\/Capture-decran-le-2025-02-01-a-10.12.47.jpg?resize=1024%2C680&amp;ssl=1 1024w, https:\/\/i0.wp.com\/itayachtscanada.com\/wp-content\/uploads\/2025\/02\/Capture-decran-le-2025-02-01-a-10.12.47.jpg?resize=768%2C510&amp;ssl=1 768w, https:\/\/i0.wp.com\/itayachtscanada.com\/wp-content\/uploads\/2025\/02\/Capture-decran-le-2025-02-01-a-10.12.47.jpg?resize=700%2C465&amp;ssl=1 700w, https:\/\/i0.wp.com\/itayachtscanada.com\/wp-content\/uploads\/2025\/02\/Capture-decran-le-2025-02-01-a-10.12.47.jpg?resize=900%2C600&amp;ssl=1 900w, https:\/\/i0.wp.com\/itayachtscanada.com\/wp-content\/uploads\/2025\/02\/Capture-decran-le-2025-02-01-a-10.12.47.jpg?resize=602%2C400&amp;ssl=1 602w, https:\/\/i0.wp.com\/itayachtscanada.com\/wp-content\/uploads\/2025\/02\/Capture-decran-le-2025-02-01-a-10.12.47.jpg?w=1400&amp;ssl=1 1400w\" width=\"229\" height=\"152\" loading=\"lazy\" data-original-width=\"229\" data-original-height=\"152\" itemprop=\"http:\/\/schema.org\/image\" title=\"Capture d\u2019e\u0301cran, le 2025-02-01 a\u0300 10.12.47\" alt=\"Capture d\u2019e\u0301cran, le 2025-02-01 a\u0300 10.12.47\" style=\"width: 229px; height: 152px;\" \/> <\/a> <\/div> <\/div> <!-- close group --> <div class=\"gallery-group images-1\" style=\"width: 233px; height: 156px;\" data-original-width=\"233\" data-original-height=\"156\" > <div class=\"tiled-gallery-item tiled-gallery-item-small\" itemprop=\"associatedMedia\" itemscope itemtype=\"http:\/\/schema.org\/ImageObject\"> <a href=\"https:\/\/itayachtscanada.com\/fr\/listing\/allseas-yacht-92-explorer-expedition-2010-4500000-usd-for-sale\/capture-decran-le-2025-02-01-a-10-12-40\/\" border=\"0\" itemprop=\"url\"> <meta itemprop=\"width\" content=\"229\"> <meta itemprop=\"height\" content=\"152\"> <img decoding=\"async\" class=\"\" data-attachment-id=\"202872\" data-orig-file=\"https:\/\/itayachtscanada.com\/wp-content\/uploads\/2025\/02\/Capture-decran-le-2025-02-01-a-10.12.40.jpg\" data-orig-size=\"1536,1020\" data-comments-opened=\"1\" data-image-meta=\"{&quot;aperture&quot;:&quot;0&quot;,&quot;credit&quot;:&quot;&quot;,&quot;camera&quot;:&quot;&quot;,&quot;caption&quot;:&quot;&quot;,&quot;created_timestamp&quot;:&quot;0&quot;,&quot;copyright&quot;:&quot;&quot;,&quot;focal_length&quot;:&quot;0&quot;,&quot;iso&quot;:&quot;0&quot;,&quot;shutter_speed&quot;:&quot;0&quot;,&quot;title&quot;:&quot;&quot;,&quot;orientation&quot;:&quot;0&quot;}\" data-image-title=\"Capture d\u2019e\u0301cran, le 2025-02-01 a\u0300 10.12.40\" data-image-description=\"\" data-medium-file=\"https:\/\/i0.wp.com\/itayachtscanada.com\/wp-content\/uploads\/2025\/02\/Capture-decran-le-2025-02-01-a-10.12.40.jpg?fit=300%2C199&#038;ssl=1\" data-large-file=\"https:\/\/i0.wp.com\/itayachtscanada.com\/wp-content\/uploads\/2025\/02\/Capture-decran-le-2025-02-01-a-10.12.40.jpg?fit=700%2C465&#038;ssl=1\" src=\"https:\/\/i0.wp.com\/itayachtscanada.com\/wp-content\/uploads\/2025\/02\/Capture-decran-le-2025-02-01-a-10.12.40.jpg?w=229&#038;h=152&#038;ssl=1\" srcset=\"https:\/\/i0.wp.com\/itayachtscanada.com\/wp-content\/uploads\/2025\/02\/Capture-decran-le-2025-02-01-a-10.12.40.jpg?w=1536&amp;ssl=1 1536w, https:\/\/i0.wp.com\/itayachtscanada.com\/wp-content\/uploads\/2025\/02\/Capture-decran-le-2025-02-01-a-10.12.40.jpg?resize=300%2C199&amp;ssl=1 300w, https:\/\/i0.wp.com\/itayachtscanada.com\/wp-content\/uploads\/2025\/02\/Capture-decran-le-2025-02-01-a-10.12.40.jpg?resize=1024%2C680&amp;ssl=1 1024w, https:\/\/i0.wp.com\/itayachtscanada.com\/wp-content\/uploads\/2025\/02\/Capture-decran-le-2025-02-01-a-10.12.40.jpg?resize=768%2C510&amp;ssl=1 768w, https:\/\/i0.wp.com\/itayachtscanada.com\/wp-content\/uploads\/2025\/02\/Capture-decran-le-2025-02-01-a-10.12.40.jpg?resize=700%2C465&amp;ssl=1 700w, https:\/\/i0.wp.com\/itayachtscanada.com\/wp-content\/uploads\/2025\/02\/Capture-decran-le-2025-02-01-a-10.12.40.jpg?resize=900%2C600&amp;ssl=1 900w, https:\/\/i0.wp.com\/itayachtscanada.com\/wp-content\/uploads\/2025\/02\/Capture-decran-le-2025-02-01-a-10.12.40.jpg?resize=602%2C400&amp;ssl=1 602w, https:\/\/i0.wp.com\/itayachtscanada.com\/wp-content\/uploads\/2025\/02\/Capture-decran-le-2025-02-01-a-10.12.40.jpg?w=1400&amp;ssl=1 1400w\" width=\"229\" height=\"152\" loading=\"lazy\" data-original-width=\"229\" data-original-height=\"152\" itemprop=\"http:\/\/schema.org\/image\" title=\"Capture d\u2019e\u0301cran, le 2025-02-01 a\u0300 10.12.40\" alt=\"Capture d\u2019e\u0301cran, le 2025-02-01 a\u0300 10.12.40\" style=\"width: 229px; height: 152px;\" \/> <\/a> <\/div> <\/div> <!-- close group --> <\/div> <!-- close row --> <div class=\"gallery-row\" style=\"width: 700px; height: 214px;\" data-original-width=\"700\" data-original-height=\"214\" > <div class=\"gallery-group images-1\" style=\"width: 380px; height: 214px;\" data-original-width=\"380\" data-original-height=\"214\" > <div class=\"tiled-gallery-item tiled-gallery-item-large\" itemprop=\"associatedMedia\" itemscope itemtype=\"http:\/\/schema.org\/ImageObject\"> <a href=\"https:\/\/itayachtscanada.com\/fr\/listing\/allseas-yacht-92-explorer-expedition-2010-4500000-usd-for-sale\/capture-decran-le-2025-02-01-a-10-12-32\/\" border=\"0\" itemprop=\"url\"> <meta itemprop=\"width\" content=\"376\"> <meta itemprop=\"height\" content=\"210\"> <img decoding=\"async\" class=\"\" data-attachment-id=\"202873\" data-orig-file=\"https:\/\/itayachtscanada.com\/wp-content\/uploads\/2025\/02\/Capture-decran-le-2025-02-01-a-10.12.32.jpg\" data-orig-size=\"1828,1020\" data-comments-opened=\"1\" data-image-meta=\"{&quot;aperture&quot;:&quot;0&quot;,&quot;credit&quot;:&quot;&quot;,&quot;camera&quot;:&quot;&quot;,&quot;caption&quot;:&quot;&quot;,&quot;created_timestamp&quot;:&quot;0&quot;,&quot;copyright&quot;:&quot;&quot;,&quot;focal_length&quot;:&quot;0&quot;,&quot;iso&quot;:&quot;0&quot;,&quot;shutter_speed&quot;:&quot;0&quot;,&quot;title&quot;:&quot;&quot;,&quot;orientation&quot;:&quot;0&quot;}\" data-image-title=\"Capture d\u2019e\u0301cran, le 2025-02-01 a\u0300 10.12.32\" data-image-description=\"\" data-medium-file=\"https:\/\/i0.wp.com\/itayachtscanada.com\/wp-content\/uploads\/2025\/02\/Capture-decran-le-2025-02-01-a-10.12.32.jpg?fit=300%2C167&#038;ssl=1\" data-large-file=\"https:\/\/i0.wp.com\/itayachtscanada.com\/wp-content\/uploads\/2025\/02\/Capture-decran-le-2025-02-01-a-10.12.32.jpg?fit=700%2C390&#038;ssl=1\" src=\"https:\/\/i0.wp.com\/itayachtscanada.com\/wp-content\/uploads\/2025\/02\/Capture-decran-le-2025-02-01-a-10.12.32.jpg?w=376&#038;h=210&#038;ssl=1\" srcset=\"https:\/\/i0.wp.com\/itayachtscanada.com\/wp-content\/uploads\/2025\/02\/Capture-decran-le-2025-02-01-a-10.12.32.jpg?w=1828&amp;ssl=1 1828w, https:\/\/i0.wp.com\/itayachtscanada.com\/wp-content\/uploads\/2025\/02\/Capture-decran-le-2025-02-01-a-10.12.32.jpg?resize=300%2C167&amp;ssl=1 300w, https:\/\/i0.wp.com\/itayachtscanada.com\/wp-content\/uploads\/2025\/02\/Capture-decran-le-2025-02-01-a-10.12.32.jpg?resize=1024%2C571&amp;ssl=1 1024w, https:\/\/i0.wp.com\/itayachtscanada.com\/wp-content\/uploads\/2025\/02\/Capture-decran-le-2025-02-01-a-10.12.32.jpg?resize=768%2C429&amp;ssl=1 768w, https:\/\/i0.wp.com\/itayachtscanada.com\/wp-content\/uploads\/2025\/02\/Capture-decran-le-2025-02-01-a-10.12.32.jpg?resize=1536%2C857&amp;ssl=1 1536w, https:\/\/i0.wp.com\/itayachtscanada.com\/wp-content\/uploads\/2025\/02\/Capture-decran-le-2025-02-01-a-10.12.32.jpg?resize=700%2C391&amp;ssl=1 700w, https:\/\/i0.wp.com\/itayachtscanada.com\/wp-content\/uploads\/2025\/02\/Capture-decran-le-2025-02-01-a-10.12.32.jpg?resize=717%2C400&amp;ssl=1 717w, https:\/\/i0.wp.com\/itayachtscanada.com\/wp-content\/uploads\/2025\/02\/Capture-decran-le-2025-02-01-a-10.12.32.jpg?w=1400&amp;ssl=1 1400w\" width=\"376\" height=\"210\" loading=\"lazy\" data-original-width=\"376\" data-original-height=\"210\" itemprop=\"http:\/\/schema.org\/image\" title=\"Capture d\u2019e\u0301cran, le 2025-02-01 a\u0300 10.12.32\" alt=\"Capture d\u2019e\u0301cran, le 2025-02-01 a\u0300 10.12.32\" style=\"width: 376px; height: 210px;\" \/> <\/a> <\/div> <\/div> <!-- close group --> <div class=\"gallery-group images-1\" style=\"width: 320px; height: 214px;\" data-original-width=\"320\" data-original-height=\"214\" > <div class=\"tiled-gallery-item tiled-gallery-item-large\" itemprop=\"associatedMedia\" itemscope itemtype=\"http:\/\/schema.org\/ImageObject\"> <a href=\"https:\/\/itayachtscanada.com\/fr\/listing\/allseas-yacht-92-explorer-expedition-2010-4500000-usd-for-sale\/capture-decran-le-2025-02-01-a-10-12-29\/\" border=\"0\" itemprop=\"url\"> <meta itemprop=\"width\" content=\"316\"> <meta itemprop=\"height\" content=\"210\"> <img decoding=\"async\" class=\"\" data-attachment-id=\"202874\" data-orig-file=\"https:\/\/itayachtscanada.com\/wp-content\/uploads\/2025\/02\/Capture-decran-le-2025-02-01-a-10.12.29.jpg\" data-orig-size=\"1538,1020\" data-comments-opened=\"1\" data-image-meta=\"{&quot;aperture&quot;:&quot;0&quot;,&quot;credit&quot;:&quot;&quot;,&quot;camera&quot;:&quot;&quot;,&quot;caption&quot;:&quot;&quot;,&quot;created_timestamp&quot;:&quot;0&quot;,&quot;copyright&quot;:&quot;&quot;,&quot;focal_length&quot;:&quot;0&quot;,&quot;iso&quot;:&quot;0&quot;,&quot;shutter_speed&quot;:&quot;0&quot;,&quot;title&quot;:&quot;&quot;,&quot;orientation&quot;:&quot;0&quot;}\" data-image-title=\"Capture d\u2019e\u0301cran, le 2025-02-01 a\u0300 10.12.29\" data-image-description=\"\" data-medium-file=\"https:\/\/i0.wp.com\/itayachtscanada.com\/wp-content\/uploads\/2025\/02\/Capture-decran-le-2025-02-01-a-10.12.29.jpg?fit=300%2C199&#038;ssl=1\" data-large-file=\"https:\/\/i0.wp.com\/itayachtscanada.com\/wp-content\/uploads\/2025\/02\/Capture-decran-le-2025-02-01-a-10.12.29.jpg?fit=700%2C464&#038;ssl=1\" src=\"https:\/\/i0.wp.com\/itayachtscanada.com\/wp-content\/uploads\/2025\/02\/Capture-decran-le-2025-02-01-a-10.12.29.jpg?w=316&#038;h=210&#038;ssl=1\" srcset=\"https:\/\/i0.wp.com\/itayachtscanada.com\/wp-content\/uploads\/2025\/02\/Capture-decran-le-2025-02-01-a-10.12.29.jpg?w=1538&amp;ssl=1 1538w, https:\/\/i0.wp.com\/itayachtscanada.com\/wp-content\/uploads\/2025\/02\/Capture-decran-le-2025-02-01-a-10.12.29.jpg?resize=300%2C199&amp;ssl=1 300w, https:\/\/i0.wp.com\/itayachtscanada.com\/wp-content\/uploads\/2025\/02\/Capture-decran-le-2025-02-01-a-10.12.29.jpg?resize=1024%2C679&amp;ssl=1 1024w, https:\/\/i0.wp.com\/itayachtscanada.com\/wp-content\/uploads\/2025\/02\/Capture-decran-le-2025-02-01-a-10.12.29.jpg?resize=768%2C509&amp;ssl=1 768w, https:\/\/i0.wp.com\/itayachtscanada.com\/wp-content\/uploads\/2025\/02\/Capture-decran-le-2025-02-01-a-10.12.29.jpg?resize=1536%2C1019&amp;ssl=1 1536w, https:\/\/i0.wp.com\/itayachtscanada.com\/wp-content\/uploads\/2025\/02\/Capture-decran-le-2025-02-01-a-10.12.29.jpg?resize=700%2C464&amp;ssl=1 700w, https:\/\/i0.wp.com\/itayachtscanada.com\/wp-content\/uploads\/2025\/02\/Capture-decran-le-2025-02-01-a-10.12.29.jpg?resize=900%2C600&amp;ssl=1 900w, https:\/\/i0.wp.com\/itayachtscanada.com\/wp-content\/uploads\/2025\/02\/Capture-decran-le-2025-02-01-a-10.12.29.jpg?resize=603%2C400&amp;ssl=1 603w, https:\/\/i0.wp.com\/itayachtscanada.com\/wp-content\/uploads\/2025\/02\/Capture-decran-le-2025-02-01-a-10.12.29.jpg?w=1400&amp;ssl=1 1400w\" width=\"316\" height=\"210\" loading=\"lazy\" data-original-width=\"316\" data-original-height=\"210\" itemprop=\"http:\/\/schema.org\/image\" title=\"Capture d\u2019e\u0301cran, le 2025-02-01 a\u0300 10.12.29\" alt=\"Capture d\u2019e\u0301cran, le 2025-02-01 a\u0300 10.12.29\" style=\"width: 316px; height: 210px;\" \/> <\/a> <\/div> <\/div> <!-- close group --> <\/div> <!-- close row --> <div class=\"gallery-row\" style=\"width: 700px; height: 110px;\" data-original-width=\"700\" data-original-height=\"110\" > <div class=\"gallery-group images-1\" style=\"width: 165px; height: 110px;\" data-original-width=\"165\" data-original-height=\"110\" > <div class=\"tiled-gallery-item tiled-gallery-item-small\" itemprop=\"associatedMedia\" itemscope itemtype=\"http:\/\/schema.org\/ImageObject\"> <a href=\"https:\/\/itayachtscanada.com\/fr\/listing\/allseas-yacht-92-explorer-expedition-2010-4500000-usd-for-sale\/capture-decran-le-2025-02-01-a-10-12-08\/\" border=\"0\" itemprop=\"url\"> <meta itemprop=\"width\" content=\"161\"> <meta itemprop=\"height\" content=\"106\"> <img decoding=\"async\" class=\"\" data-attachment-id=\"202875\" data-orig-file=\"https:\/\/itayachtscanada.com\/wp-content\/uploads\/2025\/02\/Capture-decran-le-2025-02-01-a-10.12.08.jpg\" data-orig-size=\"1538,1020\" data-comments-opened=\"1\" data-image-meta=\"{&quot;aperture&quot;:&quot;0&quot;,&quot;credit&quot;:&quot;&quot;,&quot;camera&quot;:&quot;&quot;,&quot;caption&quot;:&quot;&quot;,&quot;created_timestamp&quot;:&quot;0&quot;,&quot;copyright&quot;:&quot;&quot;,&quot;focal_length&quot;:&quot;0&quot;,&quot;iso&quot;:&quot;0&quot;,&quot;shutter_speed&quot;:&quot;0&quot;,&quot;title&quot;:&quot;&quot;,&quot;orientation&quot;:&quot;0&quot;}\" data-image-title=\"Capture d\u2019e\u0301cran, le 2025-02-01 a\u0300 10.12.08\" data-image-description=\"\" data-medium-file=\"https:\/\/i0.wp.com\/itayachtscanada.com\/wp-content\/uploads\/2025\/02\/Capture-decran-le-2025-02-01-a-10.12.08.jpg?fit=300%2C199&#038;ssl=1\" data-large-file=\"https:\/\/i0.wp.com\/itayachtscanada.com\/wp-content\/uploads\/2025\/02\/Capture-decran-le-2025-02-01-a-10.12.08.jpg?fit=700%2C464&#038;ssl=1\" src=\"https:\/\/i0.wp.com\/itayachtscanada.com\/wp-content\/uploads\/2025\/02\/Capture-decran-le-2025-02-01-a-10.12.08.jpg?w=161&#038;h=106&#038;ssl=1\" srcset=\"https:\/\/i0.wp.com\/itayachtscanada.com\/wp-content\/uploads\/2025\/02\/Capture-decran-le-2025-02-01-a-10.12.08.jpg?w=1538&amp;ssl=1 1538w, https:\/\/i0.wp.com\/itayachtscanada.com\/wp-content\/uploads\/2025\/02\/Capture-decran-le-2025-02-01-a-10.12.08.jpg?resize=300%2C199&amp;ssl=1 300w, https:\/\/i0.wp.com\/itayachtscanada.com\/wp-content\/uploads\/2025\/02\/Capture-decran-le-2025-02-01-a-10.12.08.jpg?resize=1024%2C679&amp;ssl=1 1024w, https:\/\/i0.wp.com\/itayachtscanada.com\/wp-content\/uploads\/2025\/02\/Capture-decran-le-2025-02-01-a-10.12.08.jpg?resize=768%2C509&amp;ssl=1 768w, https:\/\/i0.wp.com\/itayachtscanada.com\/wp-content\/uploads\/2025\/02\/Capture-decran-le-2025-02-01-a-10.12.08.jpg?resize=1536%2C1019&amp;ssl=1 1536w, https:\/\/i0.wp.com\/itayachtscanada.com\/wp-content\/uploads\/2025\/02\/Capture-decran-le-2025-02-01-a-10.12.08.jpg?resize=700%2C464&amp;ssl=1 700w, https:\/\/i0.wp.com\/itayachtscanada.com\/wp-content\/uploads\/2025\/02\/Capture-decran-le-2025-02-01-a-10.12.08.jpg?resize=900%2C600&amp;ssl=1 900w, https:\/\/i0.wp.com\/itayachtscanada.com\/wp-content\/uploads\/2025\/02\/Capture-decran-le-2025-02-01-a-10.12.08.jpg?resize=603%2C400&amp;ssl=1 603w, https:\/\/i0.wp.com\/itayachtscanada.com\/wp-content\/uploads\/2025\/02\/Capture-decran-le-2025-02-01-a-10.12.08.jpg?w=1400&amp;ssl=1 1400w\" width=\"161\" height=\"106\" loading=\"lazy\" data-original-width=\"161\" data-original-height=\"106\" itemprop=\"http:\/\/schema.org\/image\" title=\"Capture d\u2019e\u0301cran, le 2025-02-01 a\u0300 10.12.08\" alt=\"Capture d\u2019e\u0301cran, le 2025-02-01 a\u0300 10.12.08\" style=\"width: 161px; height: 106px;\" \/> <\/a> <\/div> <\/div> <!-- close group --> <div class=\"gallery-group images-1\" style=\"width: 164px; height: 110px;\" data-original-width=\"164\" data-original-height=\"110\" > <div class=\"tiled-gallery-item tiled-gallery-item-small\" itemprop=\"associatedMedia\" itemscope itemtype=\"http:\/\/schema.org\/ImageObject\"> <a href=\"https:\/\/itayachtscanada.com\/fr\/listing\/allseas-yacht-92-explorer-expedition-2010-4500000-usd-for-sale\/capture-decran-le-2025-02-01-a-10-11-59\/\" border=\"0\" itemprop=\"url\"> <meta itemprop=\"width\" content=\"160\"> <meta itemprop=\"height\" content=\"106\"> <img decoding=\"async\" class=\"\" data-attachment-id=\"202876\" data-orig-file=\"https:\/\/itayachtscanada.com\/wp-content\/uploads\/2025\/02\/Capture-decran-le-2025-02-01-a-10.11.59.jpg\" data-orig-size=\"1538,1020\" data-comments-opened=\"1\" data-image-meta=\"{&quot;aperture&quot;:&quot;0&quot;,&quot;credit&quot;:&quot;&quot;,&quot;camera&quot;:&quot;&quot;,&quot;caption&quot;:&quot;&quot;,&quot;created_timestamp&quot;:&quot;0&quot;,&quot;copyright&quot;:&quot;&quot;,&quot;focal_length&quot;:&quot;0&quot;,&quot;iso&quot;:&quot;0&quot;,&quot;shutter_speed&quot;:&quot;0&quot;,&quot;title&quot;:&quot;&quot;,&quot;orientation&quot;:&quot;0&quot;}\" data-image-title=\"Capture d\u2019e\u0301cran, le 2025-02-01 a\u0300 10.11.59\" data-image-description=\"\" data-medium-file=\"https:\/\/i0.wp.com\/itayachtscanada.com\/wp-content\/uploads\/2025\/02\/Capture-decran-le-2025-02-01-a-10.11.59.jpg?fit=300%2C199&#038;ssl=1\" data-large-file=\"https:\/\/i0.wp.com\/itayachtscanada.com\/wp-content\/uploads\/2025\/02\/Capture-decran-le-2025-02-01-a-10.11.59.jpg?fit=700%2C464&#038;ssl=1\" src=\"https:\/\/i0.wp.com\/itayachtscanada.com\/wp-content\/uploads\/2025\/02\/Capture-decran-le-2025-02-01-a-10.11.59.jpg?w=160&#038;h=106&#038;ssl=1\" srcset=\"https:\/\/i0.wp.com\/itayachtscanada.com\/wp-content\/uploads\/2025\/02\/Capture-decran-le-2025-02-01-a-10.11.59.jpg?w=1538&amp;ssl=1 1538w, https:\/\/i0.wp.com\/itayachtscanada.com\/wp-content\/uploads\/2025\/02\/Capture-decran-le-2025-02-01-a-10.11.59.jpg?resize=300%2C199&amp;ssl=1 300w, https:\/\/i0.wp.com\/itayachtscanada.com\/wp-content\/uploads\/2025\/02\/Capture-decran-le-2025-02-01-a-10.11.59.jpg?resize=1024%2C679&amp;ssl=1 1024w, https:\/\/i0.wp.com\/itayachtscanada.com\/wp-content\/uploads\/2025\/02\/Capture-decran-le-2025-02-01-a-10.11.59.jpg?resize=768%2C509&amp;ssl=1 768w, https:\/\/i0.wp.com\/itayachtscanada.com\/wp-content\/uploads\/2025\/02\/Capture-decran-le-2025-02-01-a-10.11.59.jpg?resize=1536%2C1019&amp;ssl=1 1536w, https:\/\/i0.wp.com\/itayachtscanada.com\/wp-content\/uploads\/2025\/02\/Capture-decran-le-2025-02-01-a-10.11.59.jpg?resize=700%2C464&amp;ssl=1 700w, https:\/\/i0.wp.com\/itayachtscanada.com\/wp-content\/uploads\/2025\/02\/Capture-decran-le-2025-02-01-a-10.11.59.jpg?resize=900%2C600&amp;ssl=1 900w, https:\/\/i0.wp.com\/itayachtscanada.com\/wp-content\/uploads\/2025\/02\/Capture-decran-le-2025-02-01-a-10.11.59.jpg?resize=603%2C400&amp;ssl=1 603w, https:\/\/i0.wp.com\/itayachtscanada.com\/wp-content\/uploads\/2025\/02\/Capture-decran-le-2025-02-01-a-10.11.59.jpg?w=1400&amp;ssl=1 1400w\" width=\"160\" height=\"106\" loading=\"lazy\" data-original-width=\"160\" data-original-height=\"106\" itemprop=\"http:\/\/schema.org\/image\" title=\"Capture d\u2019e\u0301cran, le 2025-02-01 a\u0300 10.11.59\" alt=\"Capture d\u2019e\u0301cran, le 2025-02-01 a\u0300 10.11.59\" style=\"width: 160px; height: 106px;\" \/> <\/a> <\/div> <\/div> <!-- close group --> <div class=\"gallery-group images-1\" style=\"width: 173px; height: 110px;\" data-original-width=\"173\" data-original-height=\"110\" > <div class=\"tiled-gallery-item tiled-gallery-item-small\" itemprop=\"associatedMedia\" itemscope itemtype=\"http:\/\/schema.org\/ImageObject\"> <a href=\"https:\/\/itayachtscanada.com\/fr\/listing\/allseas-yacht-92-explorer-expedition-2010-4500000-usd-for-sale\/capture-decran-le-2025-02-01-a-10-09-57\/\" border=\"0\" itemprop=\"url\"> <meta itemprop=\"width\" content=\"169\"> <meta itemprop=\"height\" content=\"106\"> <img decoding=\"async\" class=\"\" data-attachment-id=\"202877\" data-orig-file=\"https:\/\/itayachtscanada.com\/wp-content\/uploads\/2025\/02\/Capture-decran-le-2025-02-01-a-10.09.57.jpg\" data-orig-size=\"2082,1312\" data-comments-opened=\"1\" data-image-meta=\"{&quot;aperture&quot;:&quot;0&quot;,&quot;credit&quot;:&quot;&quot;,&quot;camera&quot;:&quot;&quot;,&quot;caption&quot;:&quot;&quot;,&quot;created_timestamp&quot;:&quot;0&quot;,&quot;copyright&quot;:&quot;&quot;,&quot;focal_length&quot;:&quot;0&quot;,&quot;iso&quot;:&quot;0&quot;,&quot;shutter_speed&quot;:&quot;0&quot;,&quot;title&quot;:&quot;&quot;,&quot;orientation&quot;:&quot;0&quot;}\" data-image-title=\"Capture d\u2019e\u0301cran, le 2025-02-01 a\u0300 10.09.57\" data-image-description=\"\" data-medium-file=\"https:\/\/i0.wp.com\/itayachtscanada.com\/wp-content\/uploads\/2025\/02\/Capture-decran-le-2025-02-01-a-10.09.57.jpg?fit=300%2C189&#038;ssl=1\" data-large-file=\"https:\/\/i0.wp.com\/itayachtscanada.com\/wp-content\/uploads\/2025\/02\/Capture-decran-le-2025-02-01-a-10.09.57.jpg?fit=700%2C441&#038;ssl=1\" src=\"https:\/\/i0.wp.com\/itayachtscanada.com\/wp-content\/uploads\/2025\/02\/Capture-decran-le-2025-02-01-a-10.09.57.jpg?w=169&#038;h=106&#038;ssl=1\" srcset=\"https:\/\/i0.wp.com\/itayachtscanada.com\/wp-content\/uploads\/2025\/02\/Capture-decran-le-2025-02-01-a-10.09.57.jpg?w=2082&amp;ssl=1 2082w, https:\/\/i0.wp.com\/itayachtscanada.com\/wp-content\/uploads\/2025\/02\/Capture-decran-le-2025-02-01-a-10.09.57.jpg?resize=300%2C189&amp;ssl=1 300w, https:\/\/i0.wp.com\/itayachtscanada.com\/wp-content\/uploads\/2025\/02\/Capture-decran-le-2025-02-01-a-10.09.57.jpg?resize=1024%2C645&amp;ssl=1 1024w, https:\/\/i0.wp.com\/itayachtscanada.com\/wp-content\/uploads\/2025\/02\/Capture-decran-le-2025-02-01-a-10.09.57.jpg?resize=768%2C484&amp;ssl=1 768w, https:\/\/i0.wp.com\/itayachtscanada.com\/wp-content\/uploads\/2025\/02\/Capture-decran-le-2025-02-01-a-10.09.57.jpg?resize=1536%2C968&amp;ssl=1 1536w, https:\/\/i0.wp.com\/itayachtscanada.com\/wp-content\/uploads\/2025\/02\/Capture-decran-le-2025-02-01-a-10.09.57.jpg?resize=2048%2C1291&amp;ssl=1 2048w, https:\/\/i0.wp.com\/itayachtscanada.com\/wp-content\/uploads\/2025\/02\/Capture-decran-le-2025-02-01-a-10.09.57.jpg?resize=700%2C441&amp;ssl=1 700w, https:\/\/i0.wp.com\/itayachtscanada.com\/wp-content\/uploads\/2025\/02\/Capture-decran-le-2025-02-01-a-10.09.57.jpg?resize=2000%2C1260&amp;ssl=1 2000w, https:\/\/i0.wp.com\/itayachtscanada.com\/wp-content\/uploads\/2025\/02\/Capture-decran-le-2025-02-01-a-10.09.57.jpg?resize=635%2C400&amp;ssl=1 635w, https:\/\/i0.wp.com\/itayachtscanada.com\/wp-content\/uploads\/2025\/02\/Capture-decran-le-2025-02-01-a-10.09.57.jpg?w=1400&amp;ssl=1 1400w\" width=\"169\" height=\"106\" loading=\"lazy\" data-original-width=\"169\" data-original-height=\"106\" itemprop=\"http:\/\/schema.org\/image\" title=\"Capture d\u2019e\u0301cran, le 2025-02-01 a\u0300 10.09.57\" alt=\"Capture d\u2019e\u0301cran, le 2025-02-01 a\u0300 10.09.57\" style=\"width: 169px; height: 106px;\" \/> <\/a> <\/div> <\/div> <!-- close group --> <div class=\"gallery-group images-1\" style=\"width: 198px; height: 110px;\" data-original-width=\"198\" data-original-height=\"110\" > <div class=\"tiled-gallery-item tiled-gallery-item-small\" itemprop=\"associatedMedia\" itemscope itemtype=\"http:\/\/schema.org\/ImageObject\"> <a href=\"https:\/\/itayachtscanada.com\/fr\/listing\/allseas-yacht-92-explorer-expedition-2010-4500000-usd-for-sale\/capture-decran-le-2025-02-01-a-10-09-39\/\" border=\"0\" itemprop=\"url\"> <meta itemprop=\"width\" content=\"194\"> <meta itemprop=\"height\" content=\"106\"> <img decoding=\"async\" class=\"\" data-attachment-id=\"202878\" data-orig-file=\"https:\/\/itayachtscanada.com\/wp-content\/uploads\/2025\/02\/Capture-decran-le-2025-02-01-a-10.09.39.jpg\" data-orig-size=\"2360,1296\" data-comments-opened=\"1\" data-image-meta=\"{&quot;aperture&quot;:&quot;0&quot;,&quot;credit&quot;:&quot;&quot;,&quot;camera&quot;:&quot;&quot;,&quot;caption&quot;:&quot;&quot;,&quot;created_timestamp&quot;:&quot;0&quot;,&quot;copyright&quot;:&quot;&quot;,&quot;focal_length&quot;:&quot;0&quot;,&quot;iso&quot;:&quot;0&quot;,&quot;shutter_speed&quot;:&quot;0&quot;,&quot;title&quot;:&quot;&quot;,&quot;orientation&quot;:&quot;0&quot;}\" data-image-title=\"Capture d\u2019e\u0301cran, le 2025-02-01 a\u0300 10.09.39\" data-image-description=\"\" data-medium-file=\"https:\/\/i0.wp.com\/itayachtscanada.com\/wp-content\/uploads\/2025\/02\/Capture-decran-le-2025-02-01-a-10.09.39.jpg?fit=300%2C165&#038;ssl=1\" data-large-file=\"https:\/\/i0.wp.com\/itayachtscanada.com\/wp-content\/uploads\/2025\/02\/Capture-decran-le-2025-02-01-a-10.09.39.jpg?fit=700%2C384&#038;ssl=1\" src=\"https:\/\/i0.wp.com\/itayachtscanada.com\/wp-content\/uploads\/2025\/02\/Capture-decran-le-2025-02-01-a-10.09.39.jpg?w=194&#038;h=106&#038;ssl=1\" srcset=\"https:\/\/i0.wp.com\/itayachtscanada.com\/wp-content\/uploads\/2025\/02\/Capture-decran-le-2025-02-01-a-10.09.39.jpg?w=2360&amp;ssl=1 2360w, https:\/\/i0.wp.com\/itayachtscanada.com\/wp-content\/uploads\/2025\/02\/Capture-decran-le-2025-02-01-a-10.09.39.jpg?resize=300%2C165&amp;ssl=1 300w, https:\/\/i0.wp.com\/itayachtscanada.com\/wp-content\/uploads\/2025\/02\/Capture-decran-le-2025-02-01-a-10.09.39.jpg?resize=1024%2C562&amp;ssl=1 1024w, https:\/\/i0.wp.com\/itayachtscanada.com\/wp-content\/uploads\/2025\/02\/Capture-decran-le-2025-02-01-a-10.09.39.jpg?resize=768%2C422&amp;ssl=1 768w, https:\/\/i0.wp.com\/itayachtscanada.com\/wp-content\/uploads\/2025\/02\/Capture-decran-le-2025-02-01-a-10.09.39.jpg?resize=1536%2C843&amp;ssl=1 1536w, https:\/\/i0.wp.com\/itayachtscanada.com\/wp-content\/uploads\/2025\/02\/Capture-decran-le-2025-02-01-a-10.09.39.jpg?resize=2048%2C1125&amp;ssl=1 2048w, https:\/\/i0.wp.com\/itayachtscanada.com\/wp-content\/uploads\/2025\/02\/Capture-decran-le-2025-02-01-a-10.09.39.jpg?resize=700%2C384&amp;ssl=1 700w, https:\/\/i0.wp.com\/itayachtscanada.com\/wp-content\/uploads\/2025\/02\/Capture-decran-le-2025-02-01-a-10.09.39.jpg?resize=2000%2C1098&amp;ssl=1 2000w, https:\/\/i0.wp.com\/itayachtscanada.com\/wp-content\/uploads\/2025\/02\/Capture-decran-le-2025-02-01-a-10.09.39.jpg?resize=728%2C400&amp;ssl=1 728w, https:\/\/i0.wp.com\/itayachtscanada.com\/wp-content\/uploads\/2025\/02\/Capture-decran-le-2025-02-01-a-10.09.39.jpg?w=1400&amp;ssl=1 1400w, https:\/\/i0.wp.com\/itayachtscanada.com\/wp-content\/uploads\/2025\/02\/Capture-decran-le-2025-02-01-a-10.09.39.jpg?w=2100&amp;ssl=1 2100w\" width=\"194\" height=\"106\" loading=\"lazy\" data-original-width=\"194\" data-original-height=\"106\" itemprop=\"http:\/\/schema.org\/image\" title=\"Capture d\u2019e\u0301cran, le 2025-02-01 a\u0300 10.09.39\" alt=\"Capture d\u2019e\u0301cran, le 2025-02-01 a\u0300 10.09.39\" style=\"width: 194px; height: 106px;\" \/> <\/a> <\/div> <\/div> <!-- close group --> <\/div> <!-- close row --> <\/div>\n<div class=\"jetpack-video-wrapper\"><span class=\"embed-youtube\" style=\"text-align:center; display: block;\"><iframe loading=\"lazy\" class=\"youtube-player\" width=\"700\" height=\"394\" src=\"https:\/\/www.youtube.com\/embed\/AL2w6WenNvE?version=3&#038;rel=1&#038;showsearch=0&#038;showinfo=1&#038;iv_load_policy=1&#038;fs=1&#038;hl=fr-FR&#038;autohide=2&#038;wmode=transparent\" allowfullscreen=\"true\" style=\"border:0;\" sandbox=\"allow-scripts allow-same-origin allow-popups allow-presentation allow-popups-to-escape-sandbox\"><\/iframe><\/span><\/div>\n<p><strong>\u00a0 <\/strong><\/p>\n<p>&nbsp;<\/p>\n<p><strong>Ita Yachts Canada propose de vous assister et de voir \u00e0 vos int\u00e9r\u00eats pour l\u2019achat de ce yacht qui est \u00e0 vendre par une autre organisation. Nous serons pr\u00e9sents lors de l\u2019inspection et tout au long de la transaction et ce peu importe sa localisation. L\u2019\u00e9quipe d\u2019Ita Yachts Canada se soumet au plus haut standard d\u2019\u00e9thique.<\/strong><\/p>\n<p>&nbsp;<\/p>\n<\/div>\n<\/div>\n<div>\n<div class=\"html-content-description\">\n<p>VUE D&rsquo;ENSEMBLE :<\/p>\n<p>Le salon est accessible depuis le pont arri\u00e8re par une robuste porte \u00e9tanche. Le salon spacieux est situ\u00e9 au milieu du navire, juste derri\u00e8re la cuisine et la salle \u00e0 manger. Le salon du D&rsquo;Nice est \u00e9quip\u00e9 d&rsquo;un canap\u00e9 en cuir et de deux fauteuils en cuir assortis. Le centre de divertissement se trouve \u00e0 l&rsquo;avant et est \u00e9quip\u00e9 d&rsquo;une Smart TV de 40 pouces avec de nombreux rangements en dessous. Sur le c\u00f4t\u00e9 tribord se trouve une \u00e9l\u00e9gante table \u00e0 manger pouvant accueillir six convives. La moquette a \u00e9t\u00e9 r\u00e9cemment install\u00e9e et se marie parfaitement avec l&rsquo;acajou verni.<\/p>\n<p>La cuisine de style campagnard est situ\u00e9e au milieu du bateau, juste devant le salon, ce qui permet d&rsquo;acc\u00e9der facilement \u00e0 la salle \u00e0 manger formelle. La d\u00eenette encastr\u00e9e peut accueillir jusqu&rsquo;\u00e0 six personnes et trois personnes suppl\u00e9mentaires peuvent s&rsquo;asseoir au comptoir de la cuisine, gr\u00e2ce \u00e0 des tabourets de bar pivotants. Il y a un grand garde-manger \u00e0 l&rsquo;avant de la cuisine avec deux cong\u00e9lateurs commerciaux suppl\u00e9mentaires. \u00c0 l&rsquo;avant de la cuisine, il y a une salle de bain de jour ainsi qu&rsquo;une entr\u00e9e s\u00e9par\u00e9e pour l&rsquo;\u00e9quipage par une porte \u00e9tanche. C&rsquo;est vraiment la cuisine r\u00eav\u00e9e d&rsquo;un chef.<\/p>\n<p>La suite du propri\u00e9taire est situ\u00e9e \u00e0 l&rsquo;avant de la cuisine, au bout d&rsquo;un couloir, ce qui permet une grande intimit\u00e9 et une s\u00e9paration avec l&rsquo;\u00e9quipage et les invit\u00e9s. Il s&rsquo;agit d&rsquo;une cabine pleine largeur avec une grande couchette. La partie b\u00e2bord de la suite du propri\u00e9taire est \u00e9quip\u00e9e d&rsquo;un bureau et la partie tribord d&rsquo;un canap\u00e9 de type coin lecture. Le centre de divertissement est situ\u00e9 sur la cloison arri\u00e8re.<\/p>\n<p>La moquette murale et le bois d&rsquo;acajou verni compl\u00e8tent agr\u00e9ablement cet espace. De grandes fen\u00eatres \u00e0 b\u00e2bord et \u00e0 tribord laissent entrer une quantit\u00e9 incroyable de lumi\u00e8re naturelle. La salle de bain du propri\u00e9taire se trouve \u00e0 l&rsquo;avant de la cabine. Deux lavabos encastr\u00e9s dans un \u00e9l\u00e9gant comptoir en pierre marbri\u00e8re sont une belle touche, tout comme le sol en marbre assorti. La douche surdimensionn\u00e9e en marbre avec des portes en verre sans cadre apporte la touche finale \u00e0 ce superbe cabinet de toilette.<\/p>\n<p>Le pont principal est sur\u00e9lev\u00e9 d&rsquo;un niveau par rapport \u00e0 la timonerie et au sky lounge. Dans la cabine de pilotage, l&rsquo;\u00e9lectronique et l&rsquo;\u00e9quipement de navigation ont \u00e9t\u00e9 remplac\u00e9s par les composants les plus r\u00e9cents et les plus performants. Il y a deux fauteuils de barre Stidd et un canap\u00e9 en cuir assorti \u00e0 l&rsquo;arri\u00e8re de la barre. Les vues incomparables depuis les grandes fen\u00eatres permettent \u00e0 l&rsquo;op\u00e9rateur et aux invit\u00e9s de toujours savoir ce qui se passe \u00e0 l&rsquo;ext\u00e9rieur. \u00c0 l&rsquo;arri\u00e8re du poste de pilotage se trouve le sky lounge, \u00e9quip\u00e9 d&rsquo;un confortable canap\u00e9 en forme de \u00ab L \u00bb, qui fait face au centre de divertissement. \u00c0 tribord, le bureau du capitaine est \u00e9quip\u00e9 d&rsquo;un bureau et d&rsquo;une grande table \u00e0 cartes. Le poste de pilotage et le sky lounge sont tous deux dot\u00e9s d&rsquo;une cloison et d&rsquo;un plancher en acajou verni. L&rsquo;acc\u00e8s aux ponts ext\u00e9rieurs se fait par une porte \u00e9tanche arri\u00e8re dans le sky lounge et par des portes \u00e9tanches \u00e0 b\u00e2bord et \u00e0 tribord dans la timonerie.<\/p>\n<p>Le niveau inf\u00e9rieur comprend quatre cabines d&rsquo;invit\u00e9s et les quartiers de l&rsquo;\u00e9quipage. Les quartiers de l&rsquo;\u00e9quipage se trouvent \u00e0 l&rsquo;avant et peuvent accueillir deux personnes. Il y a un grand plan de travail ainsi qu&rsquo;un canap\u00e9 encastr\u00e9 avec une table en Corian int\u00e9gr\u00e9e. Il y a une salle de bain attenante pour l&rsquo;\u00e9quipage ainsi qu&rsquo;\u00e0 l&rsquo;arri\u00e8re de la cabine.<\/p>\n<p>Au bout du couloir, par une porte \u00e9tanche, se trouvent les quatre cabines des invit\u00e9s. Les deux cabines du milieu du navire sont des reflets de l&rsquo;une \u00e0 l&rsquo;autre, avec des couchettes doubles et des salles de bains attenantes. Les deux cabines arri\u00e8re sont \u00e9galement des reflets l&rsquo;une de l&rsquo;autre, avec deux couchettes simples chacune et une salle de bain attenante. Toutes les salles d&rsquo;eau sont dot\u00e9es d&rsquo;un sol et d&rsquo;un comptoir en marbre. Toutes les cabines sont recouvertes de moquette et les cloisons sont en acajou verni. Les cabines d&rsquo;invit\u00e9s sont toutes situ\u00e9es au milieu du bateau et en position basse pour une navigation confortable et stable. Dans le couloir des cabines d&rsquo;invit\u00e9s se trouvent le lave-linge et le s\u00e8che-linge, cach\u00e9s derri\u00e8re des portes d&rsquo;armoire en acajou. Toutes les salles d&rsquo;eau sont \u00e9quip\u00e9es de planchers chauffants.<\/p>\n<p>La salle des machines est situ\u00e9e \u00e0 l&rsquo;arri\u00e8re des cabines d&rsquo;invit\u00e9s du pont inf\u00e9rieur, derri\u00e8re une porte \u00e9tanche et une cloison fortement isol\u00e9e. L&rsquo;actuel propri\u00e9taire a un capitaine et un \u00e9quipage qui sont tr\u00e8s fiers de leur espace machines. Tous les travaux sur les moteurs sont \u00e0 jour, les planchers ont \u00e9t\u00e9 peints, les fonds de cale sont propres, de sorte que ces zones sont impeccables.<\/p>\n<p>Les ponts ext\u00e9rieurs ont \u00e9t\u00e9 r\u00e9cemment peints. Les fen\u00eatres ext\u00e9rieures ont \u00e9t\u00e9 remplac\u00e9es r\u00e9cemment. Le pont arri\u00e8re a \u00e9t\u00e9 r\u00e9cemment repeint, tous les comptoirs et tables en Corian ont \u00e9t\u00e9 remplac\u00e9s par des tables et comptoirs en bois d&rsquo;acajou vernis sur mesure. Le pont arri\u00e8re est spacieux et id\u00e9al pour recevoir. Le pont des bateaux comprend un tender \u00e0 jet Williams mod\u00e8le 645 de 2021 et deux Sea-Doos Fish Pro de 2021. Le pont du flybridge est accessible par un escalier en acajou verni. Ce niveau est \u00e9quip\u00e9 d&rsquo;un jacuzzi int\u00e9gr\u00e9 et de deux canap\u00e9s en \u00ab L \u00bb orient\u00e9s vers l&rsquo;arri\u00e8re.<\/p>\n<p>Il y a trois fauteuils de barre et deux canap\u00e9s orient\u00e9s vers l&rsquo;avant, ainsi qu&rsquo;un poste de barre secondaire au niveau du flybridge. Le tout est recouvert par le toit rigide du flybridge, qui prot\u00e8ge cette zone des intemp\u00e9ries.<\/p>\n<p>&nbsp;<\/p>\n<p>Construction<\/p>\n<p>Mat\u00e9riau de la coque : Acier doux ASTM A-36 (fond 3\/8\u00ab , flancs de coque 5\/16 \u00bb, pavois 1\/4 \u00bb et flancs de salon).<\/p>\n<p>salon)<\/p>\n<p>Mat\u00e9riau de la superstructure : Aluminium 5086-h116<\/p>\n<p>Peinture : Bleu<\/p>\n<p>Type de coque moteur : D\u00e9placement complet<\/p>\n<p>Sous-type de coque de moteur : Explorer\/Exp\u00e9dition<\/p>\n<p>Nombre de ponts : 3<\/p>\n<p>Capacit\u00e9s<br \/>\nJauge brute : 185 (Gt)<\/p>\n<p>Tonnes de d\u00e9placement : 185<\/p>\n<p>Capacit\u00e9 en carburant : 26 498 L ou 7 000 USG<\/p>\n<p>Capacit\u00e9 en eau douce : 3 785 L ou 1 000 USG<\/p>\n<p>Machines principales<\/p>\n<p>Moteurs principaux : 2 X Cummins KTA19-M3<\/p>\n<p>Heures de fonctionnement : B\u00e2bord : 2 107,5 et tribord : 2,107.5<\/p>\n<p>H\u00e9lices : 4 X Blade Bronze<\/p>\n<p>G\u00c9N\u00c9RATEURS ET \u00c9LECTRICIT\u00c9<\/p>\n<p>G\u00e9n\u00e9rateurs : 2 X John Deere<\/p>\n<p>Heures du g\u00e9n\u00e9rateur<\/p>\n<p>B\u00e2bord : 55<\/p>\n<p>Tribord : 55<\/p>\n<p>Alimentation \u00e9lectrique : Atlas Marine Systems<\/p>\n<p>Convertisseur de courant de quai : Convertisseur de fr\u00e9quence 25kVA Shore Power Ultra HF Series (x2)<\/p>\n<p>Stabilisateurs<\/p>\n<p>Aileron (r\u00e9tractable)<\/p>\n<p>Pompes d&rsquo;eau de mer : (x1) Pompe d&rsquo;eau r\u00e9frig\u00e9r\u00e9e pour HVAC<\/p>\n<p>R\u00e9servoir de jour<\/p>\n<p>(x1)<\/p>\n<p>R\u00e9servoir d&rsquo;aile<\/p>\n<p>(x1)<\/p>\n<p>Conditionnement d&rsquo;air<\/p>\n<p>CVC<\/p>\n<p>Syst\u00e8mes de navigation et de communication<\/p>\n<p>SYST\u00c8MES DE NAVIGATION<\/p>\n<p>Pont de navigation<\/p>\n<p>Time Zero Professional<\/p>\n<p>Moniteurs<\/p>\n<p>Furuno<\/p>\n<p>Radar X-Band<\/p>\n<p>Furuno 3CM X-Band<\/p>\n<p>Poste de travail multifonctionnel<\/p>\n<p>\u00c9cran multifonction Furuno Navnet TZtouch3 19 \u00bb (x3)<\/p>\n<p>Gyrocompas<\/p>\n<p>Gyrocompas Simrad GC-80<\/p>\n<p>Pilote automatique<\/p>\n<p>Pilote automatique ComNav 5001<\/p>\n<p>Syst\u00e8me d&rsquo;indicateur de gouvernail A<\/p>\n<p>Angle du gouvernail<\/p>\n<p>Indicateur d&rsquo;angle de barre \u00e0 b\u00e2bord et \u00e0 tribord de l&rsquo;aile de pont<\/p>\n<p>Flir: Flir M400 (vision de nuit)<\/p>\n<p>DGPS<\/p>\n<p>Navigateur Furuno GP-170 DGPS<\/p>\n<p>GPS: Furuno GP-33<\/p>\n<p>AIS: Furuno AIS FA-170<\/p>\n<p>RD<\/p>\n<p>Furuno RD-33<\/p>\n<p>Phares de recherche<\/p>\n<p>Sondeur Furuno CH250<\/p>\n<p>SYST\u00c8MES DE COMMUNICATION<\/p>\n<p>VSAT<\/p>\n<p>Intelliam V5-11-U2LW V100NX<\/p>\n<p>R\u00e9cepteurs SAT<\/p>\n<p>Intelliam s100 HDW V100NX<\/p>\n<p>Unit\u00e9 Iridium<\/p>\n<p>Intelliam C-700<\/p>\n<p>Routeur satellite<\/p>\n<p>10-Direct (x7)<\/p>\n<p>Routeur<\/p>\n<p>Araknis Dual WAN 1g<\/p>\n<p>ECDIS<\/p>\n<p>Wartsilla (Transas) Navi Sailor NS4000<\/p>\n<p>Radiot\u00e9l\u00e9phones VHF<\/p>\n<p>Icom VHF Marine IC-M605 (x2)<\/p>\n<p>VHF portable<\/p>\n<p>Peplink Max-TST-DUO-LTEA<\/p>\n<p>&nbsp;<\/p>\n<p>Sp\u00e9cifications suppl\u00e9mentaires<\/p>\n<p>MACHINES ET EQUIPEMENTS DE PONT<\/p>\n<p>Ancres: Moteurs hydrauliques du guindeau (x2) \u00e0 l&rsquo;avant et \u00e0 l&rsquo;arri\u00e8re<\/p>\n<p>Cha\u00eenes d&rsquo;ancre: Oui<\/p>\n<p>Syst\u00e8me de guindeau d&rsquo;ancre: Oui<\/p>\n<p>Grues: Oui<\/p>\n<p>Escalier de mer<\/p>\n<p>Passerelle MarQuipt (fibre de carbone)<\/p>\n<p>Passerelle d&#8217;embarquement arri\u00e8re<\/p>\n<p>(x1)<\/p>\n<p>Peinture ext\u00e9rieure: Coque bleue<\/p>\n<p>&nbsp;<\/p>\n<p>S\u00c9CURIT\u00c9, S\u00dbRET\u00c9 ET \u00c9QUIPEMENT DE LUTTE CONTRE L&rsquo;INCENDIE<\/p>\n<p>Syst\u00e8me de s\u00e9curit\u00e9 : Syst\u00e8me de surveillance dans la salle des machines et cam\u00e9ras sur le pont ext\u00e9rieur<\/p>\n<p>SYST\u00c8MES DE DIVERTISSEMENT, AUDIO\/VISUEL ET INFORMATIQUE<\/p>\n<p>WIFI : Client Wi-Fi longue port\u00e9e Aigean LD-70<\/p>\n<p>\u00c9QUIPEMENT DE CUISINE ET DE BUANDERIE<\/p>\n<p>\u00c9QUIPEMENT DE LA CUISINE PRINCIPALE<\/p>\n<p>R\u00e9frig\u00e9ration\/cong\u00e9lation : Refroidisseurs VARC 60 (x3)<\/p>\n<p>Bo\u00eete PLC OTS<\/p>\n<p>Lave-vaisselle : (x1)<\/p>\n<p>Micro-ondes : (x1)<\/p>\n<p>Cuisini\u00e8re\/four : (x1)<\/p>\n<p>\u00c9quipement de buanderie principal : (x1) Lave-linge\/s\u00e8che-linge<\/p>\n<p>Tenders &amp; Toys<\/p>\n<p>Annexe : 2021 Williams Tender Model 645 (x1)<\/p>\n<p>Jet Skis : 2021 12&prime; Fish Pro Recreational Jet-Skis (x2)<\/p>\n<p>Compresseur de plong\u00e9e : Kaeser SX 5T<\/p>\n<p>Compresseur Bauer : 1 OceanUs-E1-5HP<\/p>\n<p>Syst\u00e8me de remplissage des r\u00e9servoirs : Cascade<\/p>\n<p>&nbsp;<\/p>\n<p>&nbsp;<\/p>\n<p><strong><span style=\"color: black;\">AVIS DE NON-RESPONSABILIT\u00c9<\/span><\/strong><\/p>\n<p><strong><span style=\"color: black; font-weight: normal;\">Le bateau qui est pr\u00e9sent\u00e9 sur cette page, l\u2019est uniquement \u00e0 titre d\u2019information et n\u2019est pas n\u00e9cessairement toujours disponible \u00e0 la vente et\/ou \u00e0 la location.<\/span><\/strong><span class=\"apple-converted-space\"><b><span style=\"color: black;\">\u00a0<\/span><\/b><\/span><strong><span style=\"color: black; font-weight: normal;\">Ce bateau est peut-\u00eatre offert sous r\u00e9serve, il faut v\u00e9rifier sa disponibilit\u00e9.<\/span><\/strong><span class=\"apple-converted-space\"><b><span style=\"color: black;\">\u00a0<\/span><\/b><\/span><strong><span style=\"color: black; font-weight: normal;\">\u00a0Ce document ou cette annonce n\u2019est pas contractuel. Les informations sur les bateaux affich\u00e9es dans les r\u00e9sultats ci-dessus sont pr\u00e9sent\u00e9es en toute bonne foi et, bien qu\u2019elles soient consid\u00e9r\u00e9es comme correctes, elles ne sont pas garanties. Ita Yachts Canada ne garantit pas et n\u2019assume aucune responsabilit\u00e9 l\u00e9gale ou responsabilit\u00e9 pour l\u2019exactitude, l\u2019exhaustivit\u00e9 ou l\u2019utilit\u00e9 des informations et\/ou des images affich\u00e9es, car elles peuvent ne pas \u00eatre \u00e0 jour ou encore \u00eatres des images d\u2019un bateau comparable. Toutes les informations sur les bateaux peuvent \u00eatre modifi\u00e9es sans pr\u00e9avis et sont sans garantie.<\/span><\/strong><span class=\"apple-converted-space\"><b><span style=\"color: black;\">\u00a0<\/span><\/b><\/span><strong><span style=\"color: black; font-weight: normal;\">Ce bateau est peut-\u00eatre offert par un autre courtier ouvert au co-courtage (co-brokerage).<\/span><\/strong><\/p>\n<p>&nbsp;<\/p>\n<div data-test='contact-form'\n\t\t\tid='contact-form-202827'\n\t\t\tclass='jetpack-contact-form-container '\n\t\t\tdata-wp-interactive='jetpack\/form' data-wp-context='{\"formId\":\"202827\",\"formHash\":\"a30b5c231f4488c0f2469cf842912860c42f74d0\",\"showErrors\":false,\"errors\":[],\"fields\":[],\"isMultiStep\":false,\"useAjax\":false,\"submissionData\":null,\"formattedSubmissionData\":[],\"submissionSuccess\":false,\"submissionError\":null,\"elementId\":\"jp-form-a30b5c231f4488c0f2469cf842912860c42f74d0\",\"isSingleInputForm\":false,\"isForcedHorizontal\":false}'\n\t\t\tdata-wp-watch--scroll-to-wrapper=\"callbacks.scrollToWrapper\"\n\t\t>\n<div class=\"contact-form-submission contact-form-ajax-submission\" data-wp-bind--aria-hidden=\"state.isSuccessMessageAriaHidden\" data-wp-class--submission-success=\"context.submissionSuccess\" id=\"contact-form-success-a30b5c231f4488c0f2469cf842912860c42f74d0\" tabindex=\"-1\" aria-labelledby=\"contact-form-success-header-a30b5c231f4488c0f2469cf842912860c42f74d0\"><p class=\"go-back-message\"><a class=\"link\" role=\"button\" tabindex=\"0\" data-wp-on--click=\"actions.goBack\" href=\"\/fr\/wp-json\/wp\/v2\/listing\/202827\">\u2190 Retour<\/a><\/p><h4 data-wp-bind--aria-hidden=\"state.isSuccessMessageAriaHidden\" id=\"contact-form-success-header-a30b5c231f4488c0f2469cf842912860c42f74d0\">Merci pour votre r\u00e9ponse. \u2728<\/h4>\n\n<template data-wp-each--submission=\"context.formattedSubmissionData\">\n\t\t\t\t\t<div class=\"jetpack_forms_contact-form-success-summary\">\n\t\t\t\t\t\t<div class=\"field-name-wrapper\">\n\t\t\t\t\t\t\t<div class=\"field-type-icon\" data-wp-watch=\"callbacks.watchFieldTypeIcon\"><\/div>\n\t\t\t\t\t\t\t<div class=\"field-name\" data-wp-text=\"context.submission.label\" data-wp-bind--hidden=\"!context.submission.label\"><\/div>\n\t\t\t\t\t\t<\/div>\n\t\t\t\t\t\t<div class=\"field-value\" data-wp-text=\"context.submission.value\" data-wp-bind--hidden=\"!context.submission.showPlainValue\"><\/div>\n\t\t\t\t\t\t<a class=\"field-url\" data-wp-bind--href=\"context.submission.url\" data-wp-text=\"context.submission.value\" data-wp-bind--hidden=\"!context.submission.url\" target=\"_blank\" rel=\"noopener noreferrer\"><\/a>\n\t\t\t\t\t\t<div class=\"field-rating\" data-wp-bind--hidden=\"!context.submission.rating\" data-wp-watch=\"callbacks.watchRatingIcons\"><\/div>\n\t\t\t\t\t\t<div class=\"field-images\" data-wp-bind--hidden=\"!context.submission.images\">\n\t\t\t\t\t\t\t<template data-wp-each--image=\"context.submission.images\">\n\t\t\t\t\t\t\t\t<div class=\"field-image-option\" data-wp-class--is-empty=\"!context.image.src\">\n\t\t\t\t\t\t\t\t\t<figure class=\"field-image-option__image\" data-wp-class--is-empty=\"!context.image.src\">\n\t\t\t\t\t\t\t\t\t\t<img data-wp-bind--src=\"context.image.src\" data-wp-bind--hidden=\"!context.image.src\" \/>\n\t\t\t\t\t\t\t\t\t\t<img decoding=\"async\" src=\"data:image\/gif;base64,R0lGODlhAQABAAD\/ACwAAAAAAQABAAACADs=\" data-wp-bind--hidden=\"context.image.src\" \/>\n\t\t\t\t\t\t\t\t\t<\/figure>\n\t\t\t\t\t\t\t\t\t<div class=\"field-image-option__label-wrapper\">\n\t\t\t\t\t\t\t\t\t\t<span class=\"field-image-option__label-code\" data-wp-text=\"context.image.letterCode\"><\/span>\n\t\t\t\t\t\t\t\t\t\t<span class=\"field-image-option__label\" data-wp-text=\"context.image.label\" data-wp-bind--hidden=\"!context.image.label\"><\/span>\n\t\t\t\t\t\t\t\t\t<\/div>\n\t\t\t\t\t\t\t\t<\/div>\n\t\t\t\t\t\t\t<\/template>\n\t\t\t\t\t\t<\/div>\n\t\t\t\t\t\t<div class=\"field-files\" data-wp-bind--hidden=\"!context.submission.files\">\n\t\t\t\t\t\t\t<template data-wp-each--file=\"context.submission.files\">\n\t\t\t\t\t\t\t\t<div class=\"field-file\">\n\t\t\t\t\t\t\t\t\t<div class=\"field-file__thumbnail\" data-wp-style--background-image=\"context.file.previewUrl\" data-wp-style--mask-image=\"context.file.iconUrl\" data-wp-bind--hidden=\"!context.file.hasPreview\"><\/div>\n\t\t\t\t\t\t\t\t\t<svg class=\"field-file__icon\" data-wp-bind--hidden=\"context.file.hasPreview\" width=\"20\" height=\"20\" viewBox=\"0 0 24 24\" fill=\"none\" xmlns=\"http:\/\/www.w3.org\/2000\/svg\" aria-hidden=\"true\">\n\t\t\t\t\t\t\t\t\t\t<path d=\"M14 2H6C4.9 2 4 2.9 4 4V20C4 21.1 4.89 22 5.99 22H18C19.1 22 20 21.1 20 20V8L14 2ZM18 20H6V4H13V9H18V20Z\" fill=\"currentColor\"\/>\n\t\t\t\t\t\t\t\t\t<\/svg>\n\t\t\t\t\t\t\t\t\t<span class=\"field-file__name\" data-wp-text=\"context.file.name\"><\/span>\n\t\t\t\t\t\t\t\t\t<span class=\"field-file__size\" data-wp-text=\"context.file.size\"><\/span>\n\t\t\t\t\t\t\t\t<\/div>\n\t\t\t\t\t\t\t<\/template>\n\t\t\t\t\t\t<\/div>\n\t\t\t\t\t<\/div>\n\t\t\t\t<\/template><\/div><form action='https:\/\/itayachtscanada.com\/fr\/listing\/allseas-yacht-92-explorer-expedition-2010-4500000-usd-for-sale\/'\n\t\t\t\tid='jp-form-a30b5c231f4488c0f2469cf842912860c42f74d0'\n\t\t\t\tmethod='post'\n\t\t\t\tclass='contact-form commentsblock jetpack-contact-form__form has-no-jetpack-form-layout' aria-label=\"{:en}AllSeas Yacht 92 Explorer\/expedition 2010 $3,495,000 usd for sale{:}{:fr}AllSeas Yacht 92 Explorer\/expedition 2010 $3,495,000 usd \u00e0 vendre{:}\"\n\t\t\t\tdata-wp-on--submit=\"actions.onFormSubmit\"\n\t\t\t\tdata-wp-on--reset=\"actions.onFormReset\"\n\t\t\t\tdata-wp-class--submission-success=\"context.submissionSuccess\"\n\t\t\t\tdata-wp-class--is-first-step=\"state.isFirstStep\"\n\t\t\t\tdata-wp-class--is-last-step=\"state.isLastStep\"\n\t\t\t\tdata-wp-class--is-ajax-form=\"context.useAjax\"\n\t\t\t\tnovalidate >\n<input type='hidden' name='jetpack_contact_form_jwt' value='eyJ0eXAiOiJKV1QiLCJhbGciOiJIUzI1NiJ9.eyJlbmNyeXB0ZWRfYXR0cmlidXRlcyI6InVvUm5UamloMGI0cW9qQ1hpem5OaXplQ290VU11WUNvVjQ1RW03djJobkNrcW02SVRUYStaRGc2RVd3RkV5UXIvTkNwUkgzN3djZUFneFlFQjBjZXBhSldjSUpYTmRIRndlZUQrL3hDU2xzL2tDWjdpY3pWVU8yNW5DUzJBK1pmd1Q3UVl4YVdmR1FhamRCcS9waTgvUks3Y080SHJjS3E1RDVXYlNtb3RJVHJiVS9GZUdHZWhkSy9jV2orTGduc0NHOXRQRjdOenRGY3R3Vy9IaUZ1Z1dPNkFaNU5BL1JtQUU2TjkrMEdINXhQUjRUMk16MUNrRzJCeUxFQmthZXR3cUhNaDZ1Vld0S1lEM0EzVXpaU0huOHBoQ2NBcFhUV05BWGlPQnBkWlVMdi81dzNVMjI3bzllZDJsZ3lZS0psRitrdk1WYWpmbGdsUk1pWDhLNkx2SFBjZXhiSXRQMFYyaFY5QWYweXZTRDUydGMrQ2FNRlNHTjdCQnZzaEhRai95U2dLVndDKzU3RkhEUmpZcGRMclFtMDY1bE5oc0Vpd2x5SFFxTmF4dTlreG1OOGpoYlVjVHFhUXVOTWx4N1ZST3ZUdkxVaEFkSGo0eDhCZWxlU0pBU3Z1bk9Jbmd1SHhBdHA3bVJJUWtGYnU1Y2pUZnk0ZDg2S2VBN2NJYm9GYjhubmJ5QUpGVUt3aGpOeXpYN0NFdUpyOWFESXBlUUc5RzNnbXlncXkrdC9oTXhibWcrczhmU2FyN0R3WjFjUVFVc3ZrcHpFT2E2d0N5VnRtRWZMMkV4NXQ3Y1FNbFFsZXhPSkRpUldIOThuL2tvWmdYVXBaL2dpckVEZnRwK2dLUjJtNUFBbDdVYVRwdXBjcWlNTE8yRzYwU3pHMGVvdXJJUHV6ZVU1ZzFOVHFhRWp5QTRJeVdyc3c4T0ZZc0E5bWFtUlEzUDJnZHBBTXovOVZHKzY0WjhDMUhvZ0pjSjJyZGFHVExvTGNrQ0JmT1R6NVNXYnhPYlNUR0d5SEovZURkNHM3d3FTdEF1K2piWUpBWVF1S0Y5amtCaXV1RUp4V1lrRHQyVGxvellJV2p0ZWxkOVh5N2lneWl4b2lxK1ZxWDF1UmRMZFhWOG1GcDY1bm9VU21uNXYydzNJR3ArMHA1cjZaWWMwbDRPTGgrNWdINTRiVlZVb20zWUIvazJVNlRkSWQ2UHVtSEpCWFcwbVpaZkFhb3U0bml1T0tGMktGOVRaOU9LaU42aURuZktZNWZBcEZZT0JPRElvcmNLM05NdkJWY3VpRFBqayIsImNvbnRlbnQiOiJbY29udGFjdC1maWVsZCBsYWJlbD1cIk5vbTpcIiB0eXBlPVwibmFtZVwiIHJlcXVpcmVkPVwiMVwiXVtjb250YWN0LWZpZWxkIGxhYmVsPVwiRS1tYWlsXCIgdHlwZT1cImVtYWlsXCIgcmVxdWlyZWQ9XCIxXCJdW2NvbnRhY3QtZmllbGQgbGFiZWw9XCJBdSBzdWpldCBkZSBjZSB0cmF3bGVyOlwiIHR5cGU9XCJ0ZXh0XCJdW2NvbnRhY3QtZmllbGQgbGFiZWw9XCJNZXNzYWdlXCIgdHlwZT1cInRleHRhcmVhXCJdIiwiaGFzaCI6ImEzMGI1YzIzMWY0NDg4YzBmMjQ2OWNmODQyOTEyODYwYzQyZjc0ZDAiLCJzb3VyY2UiOnsiZW50cnlfdGl0bGUiOiJBbGxTZWFzIFlhY2h0IDkyIEV4cGxvcmVyL2V4cGVkaXRpb24gMjAxMCAkMyw0OTUsMDAwIHVzZCBcdTAwZTAgdmVuZHJlIiwiZW50cnlfcGFnZSI6MSwic291cmNlX2lkIjoyMDI4MjcsInNvdXJjZV90eXBlIjoic2luZ2xlIiwicmVxdWVzdF91cmwiOiJodHRwczovL2l0YXlhY2h0c2NhbmFkYS5jb20vZnIvd3AtanNvbi93cC92Mi9saXN0aW5nLzIwMjgyNyJ9LCJ2ZXJzaW9uIjoyLCJjaXBoZXIiOiJhZXMtMjU2LWdjbSJ9.NL3cWG_7izFId5VnDNGRIqr6xxmki0k3bhcQmT1ccX0' \/>\n\n<div style=\"\"  data-wp-interactive=\"jetpack\/form\" data-wp-context='{\"fieldId\":\"g202827-nom\",\"fieldType\":\"name\",\"fieldLabel\":\"Nom:\",\"fieldValue\":\"\",\"fieldPlaceholder\":\"\",\"fieldIsRequired\":\"1\",\"fieldErrorMessage\":\"\",\"fieldExtra\":[],\"formHash\":\"a30b5c231f4488c0f2469cf842912860c42f74d0\"}'  class='grunion-field-name-wrap grunion-field-wrap'  data-wp-init='callbacks.initializeField' data-wp-on--jetpack-form-reset='callbacks.initializeField' >\n<label\n\t\t\t\tfor='g202827-nom' class=\"grunion-field-label name\" >Nom:<span class=\"grunion-label-required\" aria-hidden=\"true\">(obligatoire)<\/span><\/label>\n<input\n\t\t\t\t\ttype='text'\n\t\t\t\t\tname='g202827-nom'\n\t\t\t\t\tid='g202827-nom'\n\t\t\t\t\tvalue=''\n\n\t\t\t\t\tdata-wp-bind--aria-invalid='state.fieldAriaInvalid'\n\t\t\t\t\tdata-wp-bind--value='state.getFieldValue'\n\t\t\t\t\taria-describedby='g202827-nom-text-error-message'\n\t\t\t\t\tdata-wp-on--input='actions.onFieldChange'\n\t\t\t\t\tdata-wp-on--blur='actions.onFieldBlur'\n\t\t\t\t\tdata-wp-class--has-value='state.hasFieldValue'\n\n\t\t\t\t\tclass='name  grunion-field' \n\t\t\t\t\trequired='true' aria-required='true'  \/>\n \n\t\t\t<div id=\"g202827-nom-text-error\" class=\"contact-form__input-error\" data-wp-class--has-errors=\"state.fieldHasErrors\">\n\t\t\t\t<span class=\"contact-form__warning-icon\" aria-hidden=\"true\">\n\t\t\t\t\t<svg width=\"16\" height=\"16\" viewBox=\"0 0 16 16\" fill=\"none\" xmlns=\"http:\/\/www.w3.org\/2000\/svg\">\n\t\t\t\t\t\t<path d=\"M8.50015 11.6402H7.50015V10.6402H8.50015V11.6402Z\" \/>\n\t\t\t\t\t\t<path d=\"M7.50015 9.64018H8.50015V6.30684H7.50015V9.64018Z\" \/>\n\t\t\t\t\t\t<path fill-rule=\"evenodd\" clip-rule=\"evenodd\" d=\"M6.98331 3.0947C7.42933 2.30177 8.57096 2.30177 9.01698 3.09469L13.8771 11.7349C14.3145 12.5126 13.7525 13.4735 12.8602 13.4735H3.14004C2.24774 13.4735 1.68575 12.5126 2.12321 11.7349L6.98331 3.0947ZM8.14541 3.58496C8.08169 3.47168 7.9186 3.47168 7.85488 3.58496L2.99478 12.2251C2.93229 12.3362 3.01257 12.4735 3.14004 12.4735H12.8602C12.9877 12.4735 13.068 12.3362 13.0055 12.2251L8.14541 3.58496Z\" \/>\n\t\t\t\t\t<\/svg>\n\t\t\t\t<\/span>\n\t\t\t\t<span data-wp-text=\"state.errorMessage\" id=\"g202827-nom-text-error-message\"><\/span>\n\t\t\t<\/div> \n\t<\/div>\n\n<div style=\"\"  data-wp-interactive=\"jetpack\/form\" data-wp-context='{\"fieldId\":\"g202827-email\",\"fieldType\":\"email\",\"fieldLabel\":\"E-mail\",\"fieldValue\":\"\",\"fieldPlaceholder\":\"\",\"fieldIsRequired\":\"1\",\"fieldErrorMessage\":\"\",\"fieldExtra\":[],\"formHash\":\"a30b5c231f4488c0f2469cf842912860c42f74d0\"}'  class='grunion-field-email-wrap grunion-field-wrap'  data-wp-init='callbacks.initializeField' data-wp-on--jetpack-form-reset='callbacks.initializeField' >\n<label\n\t\t\t\tfor='g202827-email' class=\"grunion-field-label email\" >E-mail<span class=\"grunion-label-required\" aria-hidden=\"true\">(obligatoire)<\/span><\/label>\n<input\n\t\t\t\t\ttype='email'\n\t\t\t\t\tname='g202827-email'\n\t\t\t\t\tid='g202827-email'\n\t\t\t\t\tvalue=''\n\n\t\t\t\t\tdata-wp-bind--aria-invalid='state.fieldAriaInvalid'\n\t\t\t\t\tdata-wp-bind--value='state.getFieldValue'\n\t\t\t\t\taria-describedby='g202827-email-email-error-message'\n\t\t\t\t\tdata-wp-on--input='actions.onFieldChange'\n\t\t\t\t\tdata-wp-on--blur='actions.onFieldBlur'\n\t\t\t\t\tdata-wp-class--has-value='state.hasFieldValue'\n\n\t\t\t\t\tclass='email  grunion-field' \n\t\t\t\t\trequired='true' aria-required='true'  \/>\n \n\t\t\t<div id=\"g202827-email-email-error\" class=\"contact-form__input-error\" data-wp-class--has-errors=\"state.fieldHasErrors\">\n\t\t\t\t<span class=\"contact-form__warning-icon\" aria-hidden=\"true\">\n\t\t\t\t\t<svg width=\"16\" height=\"16\" viewBox=\"0 0 16 16\" fill=\"none\" xmlns=\"http:\/\/www.w3.org\/2000\/svg\">\n\t\t\t\t\t\t<path d=\"M8.50015 11.6402H7.50015V10.6402H8.50015V11.6402Z\" \/>\n\t\t\t\t\t\t<path d=\"M7.50015 9.64018H8.50015V6.30684H7.50015V9.64018Z\" \/>\n\t\t\t\t\t\t<path fill-rule=\"evenodd\" clip-rule=\"evenodd\" d=\"M6.98331 3.0947C7.42933 2.30177 8.57096 2.30177 9.01698 3.09469L13.8771 11.7349C14.3145 12.5126 13.7525 13.4735 12.8602 13.4735H3.14004C2.24774 13.4735 1.68575 12.5126 2.12321 11.7349L6.98331 3.0947ZM8.14541 3.58496C8.08169 3.47168 7.9186 3.47168 7.85488 3.58496L2.99478 12.2251C2.93229 12.3362 3.01257 12.4735 3.14004 12.4735H12.8602C12.9877 12.4735 13.068 12.3362 13.0055 12.2251L8.14541 3.58496Z\" \/>\n\t\t\t\t\t<\/svg>\n\t\t\t\t<\/span>\n\t\t\t\t<span data-wp-text=\"state.errorMessage\" id=\"g202827-email-email-error-message\"><\/span>\n\t\t\t<\/div> \n\t<\/div>\n\n<div style=\"\"  data-wp-interactive=\"jetpack\/form\" data-wp-context='{\"fieldId\":\"g202827-ausujetdecetrawler\",\"fieldType\":\"text\",\"fieldLabel\":\"Au sujet de ce trawler:\",\"fieldValue\":\"\",\"fieldPlaceholder\":\"\",\"fieldIsRequired\":\"\",\"fieldErrorMessage\":\"\",\"fieldExtra\":[],\"formHash\":\"a30b5c231f4488c0f2469cf842912860c42f74d0\"}'  class='grunion-field-text-wrap grunion-field-wrap'  data-wp-init='callbacks.initializeField' data-wp-on--jetpack-form-reset='callbacks.initializeField' >\n<label\n\t\t\t\tfor='g202827-ausujetdecetrawler' class=\"grunion-field-label text\" >Au sujet de ce trawler:<\/label>\n<input\n\t\t\t\t\ttype='text'\n\t\t\t\t\tname='g202827-ausujetdecetrawler'\n\t\t\t\t\tid='g202827-ausujetdecetrawler'\n\t\t\t\t\tvalue=''\n\n\t\t\t\t\tdata-wp-bind--aria-invalid='state.fieldAriaInvalid'\n\t\t\t\t\tdata-wp-bind--value='state.getFieldValue'\n\t\t\t\t\taria-describedby='g202827-ausujetdecetrawler-text-error-message'\n\t\t\t\t\tdata-wp-on--input='actions.onFieldChange'\n\t\t\t\t\tdata-wp-on--blur='actions.onFieldBlur'\n\t\t\t\t\tdata-wp-class--has-value='state.hasFieldValue'\n\n\t\t\t\t\tclass='text  grunion-field' \n\t\t\t\t\t \/>\n \n\t\t\t<div id=\"g202827-ausujetdecetrawler-text-error\" class=\"contact-form__input-error\" data-wp-class--has-errors=\"state.fieldHasErrors\">\n\t\t\t\t<span class=\"contact-form__warning-icon\" aria-hidden=\"true\">\n\t\t\t\t\t<svg width=\"16\" height=\"16\" viewBox=\"0 0 16 16\" fill=\"none\" xmlns=\"http:\/\/www.w3.org\/2000\/svg\">\n\t\t\t\t\t\t<path d=\"M8.50015 11.6402H7.50015V10.6402H8.50015V11.6402Z\" \/>\n\t\t\t\t\t\t<path d=\"M7.50015 9.64018H8.50015V6.30684H7.50015V9.64018Z\" \/>\n\t\t\t\t\t\t<path fill-rule=\"evenodd\" clip-rule=\"evenodd\" d=\"M6.98331 3.0947C7.42933 2.30177 8.57096 2.30177 9.01698 3.09469L13.8771 11.7349C14.3145 12.5126 13.7525 13.4735 12.8602 13.4735H3.14004C2.24774 13.4735 1.68575 12.5126 2.12321 11.7349L6.98331 3.0947ZM8.14541 3.58496C8.08169 3.47168 7.9186 3.47168 7.85488 3.58496L2.99478 12.2251C2.93229 12.3362 3.01257 12.4735 3.14004 12.4735H12.8602C12.9877 12.4735 13.068 12.3362 13.0055 12.2251L8.14541 3.58496Z\" \/>\n\t\t\t\t\t<\/svg>\n\t\t\t\t<\/span>\n\t\t\t\t<span data-wp-text=\"state.errorMessage\" id=\"g202827-ausujetdecetrawler-text-error-message\"><\/span>\n\t\t\t<\/div> \n\t<\/div>\n\n<div style=\"\"  data-wp-interactive=\"jetpack\/form\" data-wp-context='{\"fieldId\":\"g202827-message\",\"fieldType\":\"textarea\",\"fieldLabel\":\"Message\",\"fieldValue\":\"\",\"fieldPlaceholder\":\"\",\"fieldIsRequired\":\"\",\"fieldErrorMessage\":\"\",\"fieldExtra\":[],\"formHash\":\"a30b5c231f4488c0f2469cf842912860c42f74d0\"}'  class='grunion-field-textarea-wrap grunion-field-wrap'  data-wp-init='callbacks.initializeField' data-wp-on--jetpack-form-reset='callbacks.initializeField' >\n<label\n\t\t\t\tfor='contact-form-comment-g202827-message' class=\"grunion-field-label textarea\" >Message<\/label>\n<textarea\n\t\t                style=''\n\t\t                name='g202827-message'\n\t\t                id='contact-form-comment-g202827-message'\n\t\t                rows='20'\n\t\t\t\t\t\tdata-wp-text='state.getFieldValue'\n\t\t\t\t\t\tdata-wp-on--input='actions.onFieldChange'\n\t\t\t\t\t\tdata-wp-on--blur='actions.onFieldBlur'\n\t\t\t\t\t\tdata-wp-class--has-value='state.hasFieldValue'\n\t\t\t\t\t\taria-describedby='g202827-message-textarea-error-message'\n\t\t\t\t\t\tdata-wp-bind--aria-invalid='state.fieldAriaInvalid'\n\t\t\t\t\t\tclass='textarea  grunion-field'  ><\/textarea>\n \n\t\t\t<div id=\"g202827-message-textarea-error\" class=\"contact-form__input-error\" data-wp-class--has-errors=\"state.fieldHasErrors\">\n\t\t\t\t<span class=\"contact-form__warning-icon\" aria-hidden=\"true\">\n\t\t\t\t\t<svg width=\"16\" height=\"16\" viewBox=\"0 0 16 16\" fill=\"none\" xmlns=\"http:\/\/www.w3.org\/2000\/svg\">\n\t\t\t\t\t\t<path d=\"M8.50015 11.6402H7.50015V10.6402H8.50015V11.6402Z\" \/>\n\t\t\t\t\t\t<path d=\"M7.50015 9.64018H8.50015V6.30684H7.50015V9.64018Z\" \/>\n\t\t\t\t\t\t<path fill-rule=\"evenodd\" clip-rule=\"evenodd\" d=\"M6.98331 3.0947C7.42933 2.30177 8.57096 2.30177 9.01698 3.09469L13.8771 11.7349C14.3145 12.5126 13.7525 13.4735 12.8602 13.4735H3.14004C2.24774 13.4735 1.68575 12.5126 2.12321 11.7349L6.98331 3.0947ZM8.14541 3.58496C8.08169 3.47168 7.9186 3.47168 7.85488 3.58496L2.99478 12.2251C2.93229 12.3362 3.01257 12.4735 3.14004 12.4735H12.8602C12.9877 12.4735 13.068 12.3362 13.0055 12.2251L8.14541 3.58496Z\" \/>\n\t\t\t\t\t<\/svg>\n\t\t\t\t<\/span>\n\t\t\t\t<span data-wp-text=\"state.errorMessage\" id=\"g202827-message-textarea-error-message\"><\/span>\n\t\t\t<\/div>\n\t<\/div>\n\t<p class='contact-submit'>\n<div class=\"contact-form__error\" data-wp-class--show-errors=\"state.showFormErrors\"><span class=\"contact-form__warning-icon\" aria-hidden=\"true\"><i><\/i><\/span><span class=\"contact-form__error-message\" tabindex=\"-1\" data-wp-watch=\"callbacks.focusOnValidationError\" data-wp-text=\"state.getFormErrorMessage\"><\/span><ul aria-label=\"Erreurs de formulaire\">\n\t\t\t\t<template data-wp-each=\"state.getErrorList\" data-wp-key=\"context.item.id\">\n\t\t\t\t\t<li><a data-wp-bind--href=\"context.item.anchor\" data-wp-on--click=\"actions.scrollIntoView\" data-wp-text=\"context.item.label\"><\/a><\/li>\n\t\t\t\t<\/template>\n\t\t\t\t<\/ul><\/div><div class=\"contact-form__error\" data-wp-class--show-errors=\"state.showSubmissionError\" data-wp-text=\"context.submissionError\" tabindex=\"-1\" data-wp-watch=\"callbacks.focusOnSubmissionError\"><\/div>\t\t<button type='submit' class='pushbutton-wide'>Envoyer<\/button>\t\t<input type='hidden' name='contact-form-id' value='202827' \/>\n\t\t<input type='hidden' name='action' value='grunion-contact-form' \/>\n\t\t<input type='hidden' name='contact-form-hash' value='a30b5c231f4488c0f2469cf842912860c42f74d0' \/>\n\t<\/p>\n<p style=\"display: none !important;\" class=\"akismet-fields-container\" data-prefix=\"ak_\"><label>&#916;<textarea name=\"ak_hp_textarea\" cols=\"45\" rows=\"8\" maxlength=\"100\"><\/textarea><\/label><input type=\"hidden\" id=\"ak_js_1\" name=\"ak_js\" value=\"139\"\/><script type=\"text\/javascript\">\n\/* <![CDATA[ *\/\ndocument.getElementById( \"ak_js_1\" ).setAttribute( \"value\", ( new Date() ).getTime() );\n\/* ]]> *\/\n<\/script>\n<\/p><\/form>\n<\/div>\n<p>&nbsp;<\/p>\n<p>&nbsp;<\/p>\n<\/div>\n<\/div>\n","protected":false},"excerpt":{"rendered":"<p>AllSeas Yacht 92 Explorer\/expedition 2010 $3,495,000 usd \u00e0 vendre D&rsquo;NICE est un navire d&rsquo;exp\u00e9dition de haute performance \u00e0 vendre, offrant une vaste gamme et des espaces \u00e0 bord impressionnants. Robuste mais luxueux, c&rsquo;est le bateau id\u00e9al pour les familles qui souhaitent explorer les r\u00e9gions les plus \u00e9loign\u00e9es du monde par la mer. Lanc\u00e9 en 2010, &hellip; <a href=\"https:\/\/itayachtscanada.com\/fr\/listing\/allseas-yacht-92-explorer-expedition-2010-4500000-usd-for-sale\/\" class=\"more-link\">Lire la suite <span class=\"screen-reader-text\">AllSeas Yacht 92 Explorer\/expedition 2010 $3,495,000 usd \u00e0 vendre<\/span> <span class=\"meta-nav\">&rarr;<\/span><\/a><\/p>\n","protected":false},"author":119081455,"featured_media":202843,"parent":0,"menu_order":0,"comment_status":"open","ping_status":"open","template":"","format":"standard","meta":{"_coblocks_attr":"","_coblocks_dimensions":"","_coblocks_responsive_height":"","_coblocks_accordion_ie_support":"","_lmt_disableupdate":"no","_lmt_disable":"no","advanced_seo_description":"","jetpack_seo_html_title":"","jetpack_seo_noindex":false,"footnotes":""},"manufacturer":[9430],"prix":[7055],"years":[6389],"length_feet":[6591],"boat_type":[6488],"price_range":[6581],"localisations":[],"numyacht":[10128],"datevente":[10285,10533,10645,10862,11113],"country":[10755],"states":[10770],"city":[10812],"fresh-water-boat":[10809],"broker":[],"migration":[10888],"class_list":["post-202827","listing","type-listing","status-publish","format-standard","has-post-thumbnail","hentry","manufacturer-allseas","prix-7055","years-6389","length_feet-between-90-and-99-feets","boat_type-trawler","price_range-3000000-4999999","numyacht-10128","datevente-2025-03-31","datevente-2025-07-22","datevente-2025-09-17","datevente-2025-11-13","datevente-2026-01-11","country-united-states","states-floride","city-fort-lauderdale","fresh-water-boat-non","migration-non"],"translation":{"provider":"WPGlobus","version":"2.12.2","language":"fr","enabled_languages":["en","fr"],"languages":{"en":{"title":true,"content":true,"excerpt":false},"fr":{"title":true,"content":true,"excerpt":false}}},"jetpack_likes_enabled":true,"jetpack_sharing_enabled":true,"_links":{"self":[{"href":"https:\/\/itayachtscanada.com\/fr\/wp-json\/wp\/v2\/listing\/202827","targetHints":{"allow":["GET"]}}],"collection":[{"href":"https:\/\/itayachtscanada.com\/fr\/wp-json\/wp\/v2\/listing"}],"about":[{"href":"https:\/\/itayachtscanada.com\/fr\/wp-json\/wp\/v2\/types\/listing"}],"author":[{"embeddable":true,"href":"https:\/\/itayachtscanada.com\/fr\/wp-json\/wp\/v2\/users\/119081455"}],"replies":[{"embeddable":true,"href":"https:\/\/itayachtscanada.com\/fr\/wp-json\/wp\/v2\/comments?post=202827"}],"version-history":[{"count":15,"href":"https:\/\/itayachtscanada.com\/fr\/wp-json\/wp\/v2\/listing\/202827\/revisions"}],"predecessor-version":[{"id":289765,"href":"https:\/\/itayachtscanada.com\/fr\/wp-json\/wp\/v2\/listing\/202827\/revisions\/289765"}],"wp:featuredmedia":[{"embeddable":true,"href":"https:\/\/itayachtscanada.com\/fr\/wp-json\/wp\/v2\/media\/202843"}],"wp:attachment":[{"href":"https:\/\/itayachtscanada.com\/fr\/wp-json\/wp\/v2\/media?parent=202827"}],"wp:term":[{"taxonomy":"manufacturer","embeddable":true,"href":"https:\/\/itayachtscanada.com\/fr\/wp-json\/wp\/v2\/manufacturer?post=202827"},{"taxonomy":"prix","embeddable":true,"href":"https:\/\/itayachtscanada.com\/fr\/wp-json\/wp\/v2\/prix?post=202827"},{"taxonomy":"years","embeddable":true,"href":"https:\/\/itayachtscanada.com\/fr\/wp-json\/wp\/v2\/years?post=202827"},{"taxonomy":"length_feet","embeddable":true,"href":"https:\/\/itayachtscanada.com\/fr\/wp-json\/wp\/v2\/length_feet?post=202827"},{"taxonomy":"boat_type","embeddable":true,"href":"https:\/\/itayachtscanada.com\/fr\/wp-json\/wp\/v2\/boat_type?post=202827"},{"taxonomy":"price_range","embeddable":true,"href":"https:\/\/itayachtscanada.com\/fr\/wp-json\/wp\/v2\/price_range?post=202827"},{"taxonomy":"localisations","embeddable":true,"href":"https:\/\/itayachtscanada.com\/fr\/wp-json\/wp\/v2\/localisations?post=202827"},{"taxonomy":"numyacht","embeddable":true,"href":"https:\/\/itayachtscanada.com\/fr\/wp-json\/wp\/v2\/numyacht?post=202827"},{"taxonomy":"datevente","embeddable":true,"href":"https:\/\/itayachtscanada.com\/fr\/wp-json\/wp\/v2\/datevente?post=202827"},{"taxonomy":"country","embeddable":true,"href":"https:\/\/itayachtscanada.com\/fr\/wp-json\/wp\/v2\/country?post=202827"},{"taxonomy":"states","embeddable":true,"href":"https:\/\/itayachtscanada.com\/fr\/wp-json\/wp\/v2\/states?post=202827"},{"taxonomy":"city","embeddable":true,"href":"https:\/\/itayachtscanada.com\/fr\/wp-json\/wp\/v2\/city?post=202827"},{"taxonomy":"fresh-water-boat","embeddable":true,"href":"https:\/\/itayachtscanada.com\/fr\/wp-json\/wp\/v2\/fresh-water-boat?post=202827"},{"taxonomy":"broker","embeddable":true,"href":"https:\/\/itayachtscanada.com\/fr\/wp-json\/wp\/v2\/broker?post=202827"},{"taxonomy":"migration","embeddable":true,"href":"https:\/\/itayachtscanada.com\/fr\/wp-json\/wp\/v2\/migration?post=202827"}],"curies":[{"name":"wp","href":"https:\/\/api.w.org\/{rel}","templated":true}]}}