{"id":201631,"date":"2025-01-24T15:09:07","date_gmt":"2025-01-24T20:09:07","guid":{"rendered":"https:\/\/itayachtscanada.com\/?post_type=listing&#038;p=201631"},"modified":"2026-04-25T11:24:13","modified_gmt":"2026-04-25T15:24:13","slug":"marlow-53e-2020-2599000-usd-for-sale","status":"publish","type":"listing","link":"https:\/\/itayachtscanada.com\/fr\/listing\/marlow-53e-2020-2599000-usd-for-sale\/","title":{"rendered":"Marlow 53E 2020 $2,300,000 usd \u00e0 vendre"},"content":{"rendered":"<p>OFF MARKET<\/p>\n<p><strong>Marlow 53E 2020 $2,300,000 usd \u00e0 vendre<\/strong><\/p>\n<p>Le Marlow 53E est un yacht \u00e0 moteur de luxe, r\u00e9put\u00e9 pour sa construction sup\u00e9rieure, son design raffin\u00e9 et sa facilit\u00e9 d&rsquo;utilisation pour les propri\u00e9taires-exploitants. Construit sur une base d&rsquo;am\u00e9lioration continue, chaque it\u00e9ration am\u00e9liore la qualit\u00e9 tout en conservant les points forts du yacht.<\/p>\n<p>La coque n\u00b0 1 a fait ses d\u00e9buts en 2016 et la gamme continue d&rsquo;\u00e9voluer, INSANITY repr\u00e9sentant le raffinement de d\u00e9cennies d&rsquo;artisanat. INSANITY a \u00e9t\u00e9 \u00e9quip\u00e9 par un propri\u00e9taire tr\u00e8s avis\u00e9 qui a mis beaucoup d&rsquo;attention dans tout ce qu&rsquo;il a fait et qui a gard\u00e9 son magnifique bien en \u00e9tat de Bristol.<\/p>\n<p>En tant que courtier, je suis heureux de vous faire monter \u00e0 bord pour voir \u00e0 quel point il est bien \u00e9quip\u00e9 et bien entretenu. N&rsquo;attendez pas 3 ans, sautez la ligne et profitez de ce qui est pratiquement un Marlow 53 tout neuf. Que demander de plus ?<\/p>\n<p>INSANITY incarne l&rsquo;engagement de Marlow \u00e0 cr\u00e9er des yachts qui \u00e9quilibrent le luxe, la praticit\u00e9 et la performance. Con\u00e7u pour les propri\u00e9taires-exploitants, il excelle en termes de visibilit\u00e9, de man\u0153uvrabilit\u00e9 et d&rsquo;autonomie, ce qui en fait un choix parfait pour les longues croisi\u00e8res. Le 53E perp\u00e9tue la tradition de Marlow qui consiste \u00e0 affiner ce qui fonctionne, en s&rsquo;assurant que chaque nouvelle coque est meilleure que la pr\u00e9c\u00e9dente.<\/p>\n<h3>Ce Marlow 53 Explorer est situ\u00e9 en Floride, veuillez nous contacter au 514-521-1221 pour tous les d\u00e9tails concernant ce Marlow 53E, notre bureau est situ\u00e9 en banlieue de Montr\u00e9al.<\/h3>\n<p>D\u00e9tails techniques<\/p>\n<p>Constructeur : Marlow<br \/>\nMod\u00e8le : 53E<br \/>\nAnn\u00e9e : 2008<br \/>\nConstruction : GRP<br \/>\nLOA : 61 pi<br \/>\nLargeur : 17.25 pi<br \/>\nTirant d&rsquo;eau : 4,42 pi<br \/>\nD\u00e9placement : 66 000 lbs<br \/>\nCapacit\u00e9 de carburant : 1 200 gallons<br \/>\nCapacit\u00e9 en eau : 300 gallons<\/p>\n<p>MOTEURS :<br \/>\nMoteurs : Deux John Deere 6135SFM de 750 hp<br \/>\nVitesse maximale : 22,6 n\u0153uds au moteur (71 gph ; 382 nm d&rsquo;autonomie)<br \/>\nVitesse de croisi\u00e8re : 16,3 n\u0153uds (44,3 gph ; 442 nm d&rsquo;autonomie)<br \/>\nVitesse \u00e9conomique : 9,7 noeuds (12,8 gph ; 837 nm d&rsquo;autonomie)<br \/>\nVitesse longue distance : 7,6 n\u0153uds (autonomie de 1 600 nm)<\/p>\n<p>Le rendement \u00e9nerg\u00e9tique et l&rsquo;autonomie du yacht sont adapt\u00e9s aux croisi\u00e8res de longue dur\u00e9e, garantissant \u00e0 la fois performance et \u00e9conomie.<\/p>\n<p>&nbsp;<\/p>\n<div class=\"html-content-description\"><\/div>\n<div>\n<div class=\"html-content-description\">\n<p>&nbsp;<\/p>\n<div class=\"tiled-gallery type-rectangular tiled-gallery-unresized\" data-original-width=\"700\" data-carousel-extra='{&quot;blog_id&quot;:1,&quot;permalink&quot;:&quot;https:\\\/\\\/itayachtscanada.com\\\/fr\\\/listing\\\/marlow-53e-2020-2599000-usd-for-sale\\\/&quot;,&quot;likes_blog_id&quot;:198557287}' itemscope itemtype=\"http:\/\/schema.org\/ImageGallery\" > <div class=\"gallery-row\" style=\"width: 700px; height: 311px;\" data-original-width=\"700\" data-original-height=\"311\" > <div class=\"gallery-group images-1\" style=\"width: 467px; height: 311px;\" data-original-width=\"467\" data-original-height=\"311\" > <div class=\"tiled-gallery-item tiled-gallery-item-large\" itemprop=\"associatedMedia\" itemscope itemtype=\"http:\/\/schema.org\/ImageObject\"> <a href=\"https:\/\/itayachtscanada.com\/fr\/listing\/marlow-53e-2020-2599000-usd-for-sale\/capture-decran-le-2025-01-24-a-14-50-10\/\" border=\"0\" itemprop=\"url\"> <meta itemprop=\"width\" content=\"463\"> <meta itemprop=\"height\" content=\"307\"> <img decoding=\"async\" class=\"\" data-attachment-id=\"201637\" data-orig-file=\"https:\/\/itayachtscanada.com\/wp-content\/uploads\/2025\/01\/Capture-decran-le-2025-01-24-a-14.50.10.jpg\" data-orig-size=\"1548,1024\" data-comments-opened=\"1\" data-image-meta=\"{&quot;aperture&quot;:&quot;0&quot;,&quot;credit&quot;:&quot;&quot;,&quot;camera&quot;:&quot;&quot;,&quot;caption&quot;:&quot;&quot;,&quot;created_timestamp&quot;:&quot;0&quot;,&quot;copyright&quot;:&quot;&quot;,&quot;focal_length&quot;:&quot;0&quot;,&quot;iso&quot;:&quot;0&quot;,&quot;shutter_speed&quot;:&quot;0&quot;,&quot;title&quot;:&quot;&quot;,&quot;orientation&quot;:&quot;0&quot;}\" data-image-title=\"Capture d\u2019e\u0301cran, le 2025-01-24 a\u0300 14.50.10\" data-image-description=\"\" data-medium-file=\"https:\/\/i0.wp.com\/itayachtscanada.com\/wp-content\/uploads\/2025\/01\/Capture-decran-le-2025-01-24-a-14.50.10.jpg?fit=300%2C198&#038;ssl=1\" data-large-file=\"https:\/\/i0.wp.com\/itayachtscanada.com\/wp-content\/uploads\/2025\/01\/Capture-decran-le-2025-01-24-a-14.50.10.jpg?fit=700%2C463&#038;ssl=1\" src=\"https:\/\/i0.wp.com\/itayachtscanada.com\/wp-content\/uploads\/2025\/01\/Capture-decran-le-2025-01-24-a-14.50.10.jpg?w=463&#038;h=307&#038;ssl=1\" srcset=\"https:\/\/i0.wp.com\/itayachtscanada.com\/wp-content\/uploads\/2025\/01\/Capture-decran-le-2025-01-24-a-14.50.10.jpg?w=1548&amp;ssl=1 1548w, https:\/\/i0.wp.com\/itayachtscanada.com\/wp-content\/uploads\/2025\/01\/Capture-decran-le-2025-01-24-a-14.50.10.jpg?resize=300%2C198&amp;ssl=1 300w, https:\/\/i0.wp.com\/itayachtscanada.com\/wp-content\/uploads\/2025\/01\/Capture-decran-le-2025-01-24-a-14.50.10.jpg?resize=1024%2C677&amp;ssl=1 1024w, https:\/\/i0.wp.com\/itayachtscanada.com\/wp-content\/uploads\/2025\/01\/Capture-decran-le-2025-01-24-a-14.50.10.jpg?resize=768%2C508&amp;ssl=1 768w, https:\/\/i0.wp.com\/itayachtscanada.com\/wp-content\/uploads\/2025\/01\/Capture-decran-le-2025-01-24-a-14.50.10.jpg?resize=1536%2C1016&amp;ssl=1 1536w, https:\/\/i0.wp.com\/itayachtscanada.com\/wp-content\/uploads\/2025\/01\/Capture-decran-le-2025-01-24-a-14.50.10.jpg?resize=700%2C463&amp;ssl=1 700w, https:\/\/i0.wp.com\/itayachtscanada.com\/wp-content\/uploads\/2025\/01\/Capture-decran-le-2025-01-24-a-14.50.10.jpg?resize=605%2C400&amp;ssl=1 605w, https:\/\/i0.wp.com\/itayachtscanada.com\/wp-content\/uploads\/2025\/01\/Capture-decran-le-2025-01-24-a-14.50.10.jpg?w=1400&amp;ssl=1 1400w\" width=\"463\" height=\"307\" loading=\"lazy\" data-original-width=\"463\" data-original-height=\"307\" itemprop=\"http:\/\/schema.org\/image\" title=\"Capture d\u2019e\u0301cran, le 2025-01-24 a\u0300 14.50.10\" alt=\"Capture d\u2019e\u0301cran, le 2025-01-24 a\u0300 14.50.10\" style=\"width: 463px; height: 307px;\" \/> <\/a> <\/div> <\/div> <!-- close group --> <div class=\"gallery-group images-2\" style=\"width: 233px; height: 311px;\" data-original-width=\"233\" data-original-height=\"311\" > <div class=\"tiled-gallery-item tiled-gallery-item-small\" itemprop=\"associatedMedia\" itemscope itemtype=\"http:\/\/schema.org\/ImageObject\"> <a href=\"https:\/\/itayachtscanada.com\/fr\/listing\/marlow-53e-2020-2599000-usd-for-sale\/capture-decran-le-2025-01-24-a-14-50-13\/\" border=\"0\" itemprop=\"url\"> <meta itemprop=\"width\" content=\"229\"> <meta itemprop=\"height\" content=\"152\"> <img decoding=\"async\" class=\"\" data-attachment-id=\"201636\" data-orig-file=\"https:\/\/itayachtscanada.com\/wp-content\/uploads\/2025\/01\/Capture-decran-le-2025-01-24-a-14.50.13.jpg\" data-orig-size=\"1548,1024\" data-comments-opened=\"1\" data-image-meta=\"{&quot;aperture&quot;:&quot;0&quot;,&quot;credit&quot;:&quot;&quot;,&quot;camera&quot;:&quot;&quot;,&quot;caption&quot;:&quot;&quot;,&quot;created_timestamp&quot;:&quot;0&quot;,&quot;copyright&quot;:&quot;&quot;,&quot;focal_length&quot;:&quot;0&quot;,&quot;iso&quot;:&quot;0&quot;,&quot;shutter_speed&quot;:&quot;0&quot;,&quot;title&quot;:&quot;&quot;,&quot;orientation&quot;:&quot;0&quot;}\" data-image-title=\"Capture d\u2019e\u0301cran, le 2025-01-24 a\u0300 14.50.13\" data-image-description=\"\" data-medium-file=\"https:\/\/i0.wp.com\/itayachtscanada.com\/wp-content\/uploads\/2025\/01\/Capture-decran-le-2025-01-24-a-14.50.13.jpg?fit=300%2C198&#038;ssl=1\" data-large-file=\"https:\/\/i0.wp.com\/itayachtscanada.com\/wp-content\/uploads\/2025\/01\/Capture-decran-le-2025-01-24-a-14.50.13.jpg?fit=700%2C463&#038;ssl=1\" src=\"https:\/\/i0.wp.com\/itayachtscanada.com\/wp-content\/uploads\/2025\/01\/Capture-decran-le-2025-01-24-a-14.50.13.jpg?w=229&#038;h=152&#038;ssl=1\" srcset=\"https:\/\/i0.wp.com\/itayachtscanada.com\/wp-content\/uploads\/2025\/01\/Capture-decran-le-2025-01-24-a-14.50.13.jpg?w=1548&amp;ssl=1 1548w, https:\/\/i0.wp.com\/itayachtscanada.com\/wp-content\/uploads\/2025\/01\/Capture-decran-le-2025-01-24-a-14.50.13.jpg?resize=300%2C198&amp;ssl=1 300w, https:\/\/i0.wp.com\/itayachtscanada.com\/wp-content\/uploads\/2025\/01\/Capture-decran-le-2025-01-24-a-14.50.13.jpg?resize=1024%2C677&amp;ssl=1 1024w, https:\/\/i0.wp.com\/itayachtscanada.com\/wp-content\/uploads\/2025\/01\/Capture-decran-le-2025-01-24-a-14.50.13.jpg?resize=768%2C508&amp;ssl=1 768w, https:\/\/i0.wp.com\/itayachtscanada.com\/wp-content\/uploads\/2025\/01\/Capture-decran-le-2025-01-24-a-14.50.13.jpg?resize=1536%2C1016&amp;ssl=1 1536w, https:\/\/i0.wp.com\/itayachtscanada.com\/wp-content\/uploads\/2025\/01\/Capture-decran-le-2025-01-24-a-14.50.13.jpg?resize=700%2C463&amp;ssl=1 700w, https:\/\/i0.wp.com\/itayachtscanada.com\/wp-content\/uploads\/2025\/01\/Capture-decran-le-2025-01-24-a-14.50.13.jpg?resize=900%2C600&amp;ssl=1 900w, https:\/\/i0.wp.com\/itayachtscanada.com\/wp-content\/uploads\/2025\/01\/Capture-decran-le-2025-01-24-a-14.50.13.jpg?resize=605%2C400&amp;ssl=1 605w, https:\/\/i0.wp.com\/itayachtscanada.com\/wp-content\/uploads\/2025\/01\/Capture-decran-le-2025-01-24-a-14.50.13.jpg?w=1400&amp;ssl=1 1400w\" width=\"229\" height=\"152\" loading=\"lazy\" data-original-width=\"229\" data-original-height=\"152\" itemprop=\"http:\/\/schema.org\/image\" title=\"Capture d\u2019e\u0301cran, le 2025-01-24 a\u0300 14.50.13\" alt=\"Capture d\u2019e\u0301cran, le 2025-01-24 a\u0300 14.50.13\" style=\"width: 229px; height: 152px;\" \/> <\/a> <\/div> <div class=\"tiled-gallery-item tiled-gallery-item-small\" itemprop=\"associatedMedia\" itemscope itemtype=\"http:\/\/schema.org\/ImageObject\"> <a href=\"https:\/\/itayachtscanada.com\/fr\/listing\/marlow-53e-2020-2599000-usd-for-sale\/capture-decran-le-2025-01-24-a-14-50-07\/\" border=\"0\" itemprop=\"url\"> <meta itemprop=\"width\" content=\"229\"> <meta itemprop=\"height\" content=\"151\"> <img decoding=\"async\" class=\"\" data-attachment-id=\"201638\" data-orig-file=\"https:\/\/itayachtscanada.com\/wp-content\/uploads\/2025\/01\/Capture-decran-le-2025-01-24-a-14.50.07.jpg\" data-orig-size=\"1548,1024\" data-comments-opened=\"1\" data-image-meta=\"{&quot;aperture&quot;:&quot;0&quot;,&quot;credit&quot;:&quot;&quot;,&quot;camera&quot;:&quot;&quot;,&quot;caption&quot;:&quot;&quot;,&quot;created_timestamp&quot;:&quot;0&quot;,&quot;copyright&quot;:&quot;&quot;,&quot;focal_length&quot;:&quot;0&quot;,&quot;iso&quot;:&quot;0&quot;,&quot;shutter_speed&quot;:&quot;0&quot;,&quot;title&quot;:&quot;&quot;,&quot;orientation&quot;:&quot;0&quot;}\" data-image-title=\"Capture d\u2019e\u0301cran, le 2025-01-24 a\u0300 14.50.07\" data-image-description=\"\" data-medium-file=\"https:\/\/i0.wp.com\/itayachtscanada.com\/wp-content\/uploads\/2025\/01\/Capture-decran-le-2025-01-24-a-14.50.07.jpg?fit=300%2C198&#038;ssl=1\" data-large-file=\"https:\/\/i0.wp.com\/itayachtscanada.com\/wp-content\/uploads\/2025\/01\/Capture-decran-le-2025-01-24-a-14.50.07.jpg?fit=700%2C463&#038;ssl=1\" src=\"https:\/\/i0.wp.com\/itayachtscanada.com\/wp-content\/uploads\/2025\/01\/Capture-decran-le-2025-01-24-a-14.50.07.jpg?w=229&#038;h=151&#038;ssl=1\" srcset=\"https:\/\/i0.wp.com\/itayachtscanada.com\/wp-content\/uploads\/2025\/01\/Capture-decran-le-2025-01-24-a-14.50.07.jpg?w=1548&amp;ssl=1 1548w, https:\/\/i0.wp.com\/itayachtscanada.com\/wp-content\/uploads\/2025\/01\/Capture-decran-le-2025-01-24-a-14.50.07.jpg?resize=300%2C198&amp;ssl=1 300w, https:\/\/i0.wp.com\/itayachtscanada.com\/wp-content\/uploads\/2025\/01\/Capture-decran-le-2025-01-24-a-14.50.07.jpg?resize=1024%2C677&amp;ssl=1 1024w, https:\/\/i0.wp.com\/itayachtscanada.com\/wp-content\/uploads\/2025\/01\/Capture-decran-le-2025-01-24-a-14.50.07.jpg?resize=768%2C508&amp;ssl=1 768w, https:\/\/i0.wp.com\/itayachtscanada.com\/wp-content\/uploads\/2025\/01\/Capture-decran-le-2025-01-24-a-14.50.07.jpg?resize=1536%2C1016&amp;ssl=1 1536w, https:\/\/i0.wp.com\/itayachtscanada.com\/wp-content\/uploads\/2025\/01\/Capture-decran-le-2025-01-24-a-14.50.07.jpg?resize=700%2C463&amp;ssl=1 700w, https:\/\/i0.wp.com\/itayachtscanada.com\/wp-content\/uploads\/2025\/01\/Capture-decran-le-2025-01-24-a-14.50.07.jpg?resize=605%2C400&amp;ssl=1 605w, https:\/\/i0.wp.com\/itayachtscanada.com\/wp-content\/uploads\/2025\/01\/Capture-decran-le-2025-01-24-a-14.50.07.jpg?w=1400&amp;ssl=1 1400w\" width=\"229\" height=\"151\" loading=\"lazy\" data-original-width=\"229\" data-original-height=\"151\" itemprop=\"http:\/\/schema.org\/image\" title=\"Capture d\u2019e\u0301cran, le 2025-01-24 a\u0300 14.50.07\" alt=\"Capture d\u2019e\u0301cran, le 2025-01-24 a\u0300 14.50.07\" style=\"width: 229px; height: 151px;\" \/> <\/a> <\/div> <\/div> <!-- close group --> <\/div> <!-- close row --> <div class=\"gallery-row\" style=\"width: 700px; height: 156px;\" data-original-width=\"700\" data-original-height=\"156\" > <div class=\"gallery-group images-1\" style=\"width: 234px; height: 156px;\" data-original-width=\"234\" data-original-height=\"156\" > <div class=\"tiled-gallery-item tiled-gallery-item-small\" itemprop=\"associatedMedia\" itemscope itemtype=\"http:\/\/schema.org\/ImageObject\"> <a href=\"https:\/\/itayachtscanada.com\/fr\/listing\/marlow-53e-2020-2599000-usd-for-sale\/capture-decran-le-2025-01-24-a-14-50-03\/\" border=\"0\" itemprop=\"url\"> <meta itemprop=\"width\" content=\"230\"> <meta itemprop=\"height\" content=\"152\"> <img decoding=\"async\" class=\"\" data-attachment-id=\"201639\" data-orig-file=\"https:\/\/itayachtscanada.com\/wp-content\/uploads\/2025\/01\/Capture-decran-le-2025-01-24-a-14.50.03.jpg\" data-orig-size=\"1548,1024\" data-comments-opened=\"1\" data-image-meta=\"{&quot;aperture&quot;:&quot;0&quot;,&quot;credit&quot;:&quot;&quot;,&quot;camera&quot;:&quot;&quot;,&quot;caption&quot;:&quot;&quot;,&quot;created_timestamp&quot;:&quot;0&quot;,&quot;copyright&quot;:&quot;&quot;,&quot;focal_length&quot;:&quot;0&quot;,&quot;iso&quot;:&quot;0&quot;,&quot;shutter_speed&quot;:&quot;0&quot;,&quot;title&quot;:&quot;&quot;,&quot;orientation&quot;:&quot;0&quot;}\" data-image-title=\"Capture d\u2019e\u0301cran, le 2025-01-24 a\u0300 14.50.03\" data-image-description=\"\" data-medium-file=\"https:\/\/i0.wp.com\/itayachtscanada.com\/wp-content\/uploads\/2025\/01\/Capture-decran-le-2025-01-24-a-14.50.03.jpg?fit=300%2C198&#038;ssl=1\" data-large-file=\"https:\/\/i0.wp.com\/itayachtscanada.com\/wp-content\/uploads\/2025\/01\/Capture-decran-le-2025-01-24-a-14.50.03.jpg?fit=700%2C463&#038;ssl=1\" src=\"https:\/\/i0.wp.com\/itayachtscanada.com\/wp-content\/uploads\/2025\/01\/Capture-decran-le-2025-01-24-a-14.50.03.jpg?w=230&#038;h=152&#038;ssl=1\" srcset=\"https:\/\/i0.wp.com\/itayachtscanada.com\/wp-content\/uploads\/2025\/01\/Capture-decran-le-2025-01-24-a-14.50.03.jpg?w=1548&amp;ssl=1 1548w, https:\/\/i0.wp.com\/itayachtscanada.com\/wp-content\/uploads\/2025\/01\/Capture-decran-le-2025-01-24-a-14.50.03.jpg?resize=300%2C198&amp;ssl=1 300w, https:\/\/i0.wp.com\/itayachtscanada.com\/wp-content\/uploads\/2025\/01\/Capture-decran-le-2025-01-24-a-14.50.03.jpg?resize=1024%2C677&amp;ssl=1 1024w, https:\/\/i0.wp.com\/itayachtscanada.com\/wp-content\/uploads\/2025\/01\/Capture-decran-le-2025-01-24-a-14.50.03.jpg?resize=768%2C508&amp;ssl=1 768w, https:\/\/i0.wp.com\/itayachtscanada.com\/wp-content\/uploads\/2025\/01\/Capture-decran-le-2025-01-24-a-14.50.03.jpg?resize=1536%2C1016&amp;ssl=1 1536w, https:\/\/i0.wp.com\/itayachtscanada.com\/wp-content\/uploads\/2025\/01\/Capture-decran-le-2025-01-24-a-14.50.03.jpg?resize=700%2C463&amp;ssl=1 700w, https:\/\/i0.wp.com\/itayachtscanada.com\/wp-content\/uploads\/2025\/01\/Capture-decran-le-2025-01-24-a-14.50.03.jpg?resize=900%2C600&amp;ssl=1 900w, https:\/\/i0.wp.com\/itayachtscanada.com\/wp-content\/uploads\/2025\/01\/Capture-decran-le-2025-01-24-a-14.50.03.jpg?resize=605%2C400&amp;ssl=1 605w, https:\/\/i0.wp.com\/itayachtscanada.com\/wp-content\/uploads\/2025\/01\/Capture-decran-le-2025-01-24-a-14.50.03.jpg?w=1400&amp;ssl=1 1400w\" width=\"230\" height=\"152\" loading=\"lazy\" data-original-width=\"230\" data-original-height=\"152\" itemprop=\"http:\/\/schema.org\/image\" title=\"Capture d\u2019e\u0301cran, le 2025-01-24 a\u0300 14.50.03\" alt=\"Capture d\u2019e\u0301cran, le 2025-01-24 a\u0300 14.50.03\" style=\"width: 230px; height: 152px;\" \/> <\/a> <\/div> <\/div> <!-- close group --> <div class=\"gallery-group images-1\" style=\"width: 233px; height: 156px;\" data-original-width=\"233\" data-original-height=\"156\" > <div class=\"tiled-gallery-item tiled-gallery-item-small\" itemprop=\"associatedMedia\" itemscope itemtype=\"http:\/\/schema.org\/ImageObject\"> <a href=\"https:\/\/itayachtscanada.com\/fr\/listing\/marlow-53e-2020-2599000-usd-for-sale\/capture-decran-le-2025-01-24-a-14-50-00\/\" border=\"0\" itemprop=\"url\"> <meta itemprop=\"width\" content=\"229\"> <meta itemprop=\"height\" content=\"152\"> <img decoding=\"async\" class=\"\" data-attachment-id=\"201640\" data-orig-file=\"https:\/\/itayachtscanada.com\/wp-content\/uploads\/2025\/01\/Capture-decran-le-2025-01-24-a-14.50.00.jpg\" data-orig-size=\"1548,1024\" data-comments-opened=\"1\" data-image-meta=\"{&quot;aperture&quot;:&quot;0&quot;,&quot;credit&quot;:&quot;&quot;,&quot;camera&quot;:&quot;&quot;,&quot;caption&quot;:&quot;&quot;,&quot;created_timestamp&quot;:&quot;0&quot;,&quot;copyright&quot;:&quot;&quot;,&quot;focal_length&quot;:&quot;0&quot;,&quot;iso&quot;:&quot;0&quot;,&quot;shutter_speed&quot;:&quot;0&quot;,&quot;title&quot;:&quot;&quot;,&quot;orientation&quot;:&quot;0&quot;}\" data-image-title=\"Capture d\u2019e\u0301cran, le 2025-01-24 a\u0300 14.50.00\" data-image-description=\"\" data-medium-file=\"https:\/\/i0.wp.com\/itayachtscanada.com\/wp-content\/uploads\/2025\/01\/Capture-decran-le-2025-01-24-a-14.50.00.jpg?fit=300%2C198&#038;ssl=1\" data-large-file=\"https:\/\/i0.wp.com\/itayachtscanada.com\/wp-content\/uploads\/2025\/01\/Capture-decran-le-2025-01-24-a-14.50.00.jpg?fit=700%2C463&#038;ssl=1\" src=\"https:\/\/i0.wp.com\/itayachtscanada.com\/wp-content\/uploads\/2025\/01\/Capture-decran-le-2025-01-24-a-14.50.00.jpg?w=229&#038;h=152&#038;ssl=1\" srcset=\"https:\/\/i0.wp.com\/itayachtscanada.com\/wp-content\/uploads\/2025\/01\/Capture-decran-le-2025-01-24-a-14.50.00.jpg?w=1548&amp;ssl=1 1548w, https:\/\/i0.wp.com\/itayachtscanada.com\/wp-content\/uploads\/2025\/01\/Capture-decran-le-2025-01-24-a-14.50.00.jpg?resize=300%2C198&amp;ssl=1 300w, https:\/\/i0.wp.com\/itayachtscanada.com\/wp-content\/uploads\/2025\/01\/Capture-decran-le-2025-01-24-a-14.50.00.jpg?resize=1024%2C677&amp;ssl=1 1024w, https:\/\/i0.wp.com\/itayachtscanada.com\/wp-content\/uploads\/2025\/01\/Capture-decran-le-2025-01-24-a-14.50.00.jpg?resize=768%2C508&amp;ssl=1 768w, https:\/\/i0.wp.com\/itayachtscanada.com\/wp-content\/uploads\/2025\/01\/Capture-decran-le-2025-01-24-a-14.50.00.jpg?resize=1536%2C1016&amp;ssl=1 1536w, https:\/\/i0.wp.com\/itayachtscanada.com\/wp-content\/uploads\/2025\/01\/Capture-decran-le-2025-01-24-a-14.50.00.jpg?resize=700%2C463&amp;ssl=1 700w, https:\/\/i0.wp.com\/itayachtscanada.com\/wp-content\/uploads\/2025\/01\/Capture-decran-le-2025-01-24-a-14.50.00.jpg?resize=900%2C600&amp;ssl=1 900w, https:\/\/i0.wp.com\/itayachtscanada.com\/wp-content\/uploads\/2025\/01\/Capture-decran-le-2025-01-24-a-14.50.00.jpg?resize=605%2C400&amp;ssl=1 605w, https:\/\/i0.wp.com\/itayachtscanada.com\/wp-content\/uploads\/2025\/01\/Capture-decran-le-2025-01-24-a-14.50.00.jpg?w=1400&amp;ssl=1 1400w\" width=\"229\" height=\"152\" loading=\"lazy\" data-original-width=\"229\" data-original-height=\"152\" itemprop=\"http:\/\/schema.org\/image\" title=\"Capture d\u2019e\u0301cran, le 2025-01-24 a\u0300 14.50.00\" alt=\"Capture d\u2019e\u0301cran, le 2025-01-24 a\u0300 14.50.00\" style=\"width: 229px; height: 152px;\" \/> <\/a> <\/div> <\/div> <!-- close group --> <div class=\"gallery-group images-1\" style=\"width: 233px; height: 156px;\" data-original-width=\"233\" data-original-height=\"156\" > <div class=\"tiled-gallery-item tiled-gallery-item-small\" itemprop=\"associatedMedia\" itemscope itemtype=\"http:\/\/schema.org\/ImageObject\"> <a href=\"https:\/\/itayachtscanada.com\/fr\/listing\/marlow-53e-2020-2599000-usd-for-sale\/capture-decran-le-2025-01-24-a-14-49-57\/\" border=\"0\" itemprop=\"url\"> <meta itemprop=\"width\" content=\"229\"> <meta itemprop=\"height\" content=\"152\"> <img decoding=\"async\" class=\"\" data-attachment-id=\"201641\" data-orig-file=\"https:\/\/itayachtscanada.com\/wp-content\/uploads\/2025\/01\/Capture-decran-le-2025-01-24-a-14.49.57.jpg\" data-orig-size=\"1548,1024\" data-comments-opened=\"1\" data-image-meta=\"{&quot;aperture&quot;:&quot;0&quot;,&quot;credit&quot;:&quot;&quot;,&quot;camera&quot;:&quot;&quot;,&quot;caption&quot;:&quot;&quot;,&quot;created_timestamp&quot;:&quot;0&quot;,&quot;copyright&quot;:&quot;&quot;,&quot;focal_length&quot;:&quot;0&quot;,&quot;iso&quot;:&quot;0&quot;,&quot;shutter_speed&quot;:&quot;0&quot;,&quot;title&quot;:&quot;&quot;,&quot;orientation&quot;:&quot;0&quot;}\" data-image-title=\"Capture d\u2019e\u0301cran, le 2025-01-24 a\u0300 14.49.57\" data-image-description=\"\" data-medium-file=\"https:\/\/i0.wp.com\/itayachtscanada.com\/wp-content\/uploads\/2025\/01\/Capture-decran-le-2025-01-24-a-14.49.57.jpg?fit=300%2C198&#038;ssl=1\" data-large-file=\"https:\/\/i0.wp.com\/itayachtscanada.com\/wp-content\/uploads\/2025\/01\/Capture-decran-le-2025-01-24-a-14.49.57.jpg?fit=700%2C463&#038;ssl=1\" src=\"https:\/\/i0.wp.com\/itayachtscanada.com\/wp-content\/uploads\/2025\/01\/Capture-decran-le-2025-01-24-a-14.49.57.jpg?w=229&#038;h=152&#038;ssl=1\" srcset=\"https:\/\/i0.wp.com\/itayachtscanada.com\/wp-content\/uploads\/2025\/01\/Capture-decran-le-2025-01-24-a-14.49.57.jpg?w=1548&amp;ssl=1 1548w, https:\/\/i0.wp.com\/itayachtscanada.com\/wp-content\/uploads\/2025\/01\/Capture-decran-le-2025-01-24-a-14.49.57.jpg?resize=300%2C198&amp;ssl=1 300w, https:\/\/i0.wp.com\/itayachtscanada.com\/wp-content\/uploads\/2025\/01\/Capture-decran-le-2025-01-24-a-14.49.57.jpg?resize=1024%2C677&amp;ssl=1 1024w, https:\/\/i0.wp.com\/itayachtscanada.com\/wp-content\/uploads\/2025\/01\/Capture-decran-le-2025-01-24-a-14.49.57.jpg?resize=768%2C508&amp;ssl=1 768w, https:\/\/i0.wp.com\/itayachtscanada.com\/wp-content\/uploads\/2025\/01\/Capture-decran-le-2025-01-24-a-14.49.57.jpg?resize=1536%2C1016&amp;ssl=1 1536w, https:\/\/i0.wp.com\/itayachtscanada.com\/wp-content\/uploads\/2025\/01\/Capture-decran-le-2025-01-24-a-14.49.57.jpg?resize=700%2C463&amp;ssl=1 700w, https:\/\/i0.wp.com\/itayachtscanada.com\/wp-content\/uploads\/2025\/01\/Capture-decran-le-2025-01-24-a-14.49.57.jpg?resize=900%2C600&amp;ssl=1 900w, https:\/\/i0.wp.com\/itayachtscanada.com\/wp-content\/uploads\/2025\/01\/Capture-decran-le-2025-01-24-a-14.49.57.jpg?resize=605%2C400&amp;ssl=1 605w, https:\/\/i0.wp.com\/itayachtscanada.com\/wp-content\/uploads\/2025\/01\/Capture-decran-le-2025-01-24-a-14.49.57.jpg?w=1400&amp;ssl=1 1400w\" width=\"229\" height=\"152\" loading=\"lazy\" data-original-width=\"229\" data-original-height=\"152\" itemprop=\"http:\/\/schema.org\/image\" title=\"Capture d\u2019e\u0301cran, le 2025-01-24 a\u0300 14.49.57\" alt=\"Capture d\u2019e\u0301cran, le 2025-01-24 a\u0300 14.49.57\" style=\"width: 229px; height: 152px;\" \/> <\/a> <\/div> <\/div> <!-- close group --> <\/div> <!-- close row --> <div class=\"gallery-row\" style=\"width: 700px; height: 311px;\" data-original-width=\"700\" data-original-height=\"311\" > <div class=\"gallery-group images-2\" style=\"width: 233px; height: 311px;\" data-original-width=\"233\" data-original-height=\"311\" > <div class=\"tiled-gallery-item tiled-gallery-item-small\" itemprop=\"associatedMedia\" itemscope itemtype=\"http:\/\/schema.org\/ImageObject\"> <a href=\"https:\/\/itayachtscanada.com\/fr\/listing\/marlow-53e-2020-2599000-usd-for-sale\/capture-decran-le-2025-01-24-a-14-49-53\/\" border=\"0\" itemprop=\"url\"> <meta itemprop=\"width\" content=\"229\"> <meta itemprop=\"height\" content=\"152\"> <img decoding=\"async\" class=\"\" data-attachment-id=\"201642\" data-orig-file=\"https:\/\/itayachtscanada.com\/wp-content\/uploads\/2025\/01\/Capture-decran-le-2025-01-24-a-14.49.53.jpg\" data-orig-size=\"1548,1024\" data-comments-opened=\"1\" data-image-meta=\"{&quot;aperture&quot;:&quot;0&quot;,&quot;credit&quot;:&quot;&quot;,&quot;camera&quot;:&quot;&quot;,&quot;caption&quot;:&quot;&quot;,&quot;created_timestamp&quot;:&quot;0&quot;,&quot;copyright&quot;:&quot;&quot;,&quot;focal_length&quot;:&quot;0&quot;,&quot;iso&quot;:&quot;0&quot;,&quot;shutter_speed&quot;:&quot;0&quot;,&quot;title&quot;:&quot;&quot;,&quot;orientation&quot;:&quot;0&quot;}\" data-image-title=\"Capture d\u2019e\u0301cran, le 2025-01-24 a\u0300 14.49.53\" data-image-description=\"\" data-medium-file=\"https:\/\/i0.wp.com\/itayachtscanada.com\/wp-content\/uploads\/2025\/01\/Capture-decran-le-2025-01-24-a-14.49.53.jpg?fit=300%2C198&#038;ssl=1\" data-large-file=\"https:\/\/i0.wp.com\/itayachtscanada.com\/wp-content\/uploads\/2025\/01\/Capture-decran-le-2025-01-24-a-14.49.53.jpg?fit=700%2C463&#038;ssl=1\" src=\"https:\/\/i0.wp.com\/itayachtscanada.com\/wp-content\/uploads\/2025\/01\/Capture-decran-le-2025-01-24-a-14.49.53.jpg?w=229&#038;h=152&#038;ssl=1\" srcset=\"https:\/\/i0.wp.com\/itayachtscanada.com\/wp-content\/uploads\/2025\/01\/Capture-decran-le-2025-01-24-a-14.49.53.jpg?w=1548&amp;ssl=1 1548w, https:\/\/i0.wp.com\/itayachtscanada.com\/wp-content\/uploads\/2025\/01\/Capture-decran-le-2025-01-24-a-14.49.53.jpg?resize=300%2C198&amp;ssl=1 300w, https:\/\/i0.wp.com\/itayachtscanada.com\/wp-content\/uploads\/2025\/01\/Capture-decran-le-2025-01-24-a-14.49.53.jpg?resize=1024%2C677&amp;ssl=1 1024w, https:\/\/i0.wp.com\/itayachtscanada.com\/wp-content\/uploads\/2025\/01\/Capture-decran-le-2025-01-24-a-14.49.53.jpg?resize=768%2C508&amp;ssl=1 768w, https:\/\/i0.wp.com\/itayachtscanada.com\/wp-content\/uploads\/2025\/01\/Capture-decran-le-2025-01-24-a-14.49.53.jpg?resize=1536%2C1016&amp;ssl=1 1536w, https:\/\/i0.wp.com\/itayachtscanada.com\/wp-content\/uploads\/2025\/01\/Capture-decran-le-2025-01-24-a-14.49.53.jpg?resize=700%2C463&amp;ssl=1 700w, https:\/\/i0.wp.com\/itayachtscanada.com\/wp-content\/uploads\/2025\/01\/Capture-decran-le-2025-01-24-a-14.49.53.jpg?resize=900%2C600&amp;ssl=1 900w, https:\/\/i0.wp.com\/itayachtscanada.com\/wp-content\/uploads\/2025\/01\/Capture-decran-le-2025-01-24-a-14.49.53.jpg?resize=605%2C400&amp;ssl=1 605w, https:\/\/i0.wp.com\/itayachtscanada.com\/wp-content\/uploads\/2025\/01\/Capture-decran-le-2025-01-24-a-14.49.53.jpg?w=1400&amp;ssl=1 1400w\" width=\"229\" height=\"152\" loading=\"lazy\" data-original-width=\"229\" data-original-height=\"152\" itemprop=\"http:\/\/schema.org\/image\" title=\"Capture d\u2019e\u0301cran, le 2025-01-24 a\u0300 14.49.53\" alt=\"Capture d\u2019e\u0301cran, le 2025-01-24 a\u0300 14.49.53\" style=\"width: 229px; height: 152px;\" \/> <\/a> <\/div> <div class=\"tiled-gallery-item tiled-gallery-item-small\" itemprop=\"associatedMedia\" itemscope itemtype=\"http:\/\/schema.org\/ImageObject\"> <a href=\"https:\/\/itayachtscanada.com\/fr\/listing\/marlow-53e-2020-2599000-usd-for-sale\/capture-decran-le-2025-01-24-a-14-49-49\/\" border=\"0\" itemprop=\"url\"> <meta itemprop=\"width\" content=\"229\"> <meta itemprop=\"height\" content=\"151\"> <img decoding=\"async\" class=\"\" data-attachment-id=\"201643\" data-orig-file=\"https:\/\/itayachtscanada.com\/wp-content\/uploads\/2025\/01\/Capture-decran-le-2025-01-24-a-14.49.49.jpg\" data-orig-size=\"1548,1024\" data-comments-opened=\"1\" data-image-meta=\"{&quot;aperture&quot;:&quot;0&quot;,&quot;credit&quot;:&quot;&quot;,&quot;camera&quot;:&quot;&quot;,&quot;caption&quot;:&quot;&quot;,&quot;created_timestamp&quot;:&quot;0&quot;,&quot;copyright&quot;:&quot;&quot;,&quot;focal_length&quot;:&quot;0&quot;,&quot;iso&quot;:&quot;0&quot;,&quot;shutter_speed&quot;:&quot;0&quot;,&quot;title&quot;:&quot;&quot;,&quot;orientation&quot;:&quot;0&quot;}\" data-image-title=\"Capture d\u2019e\u0301cran, le 2025-01-24 a\u0300 14.49.49\" data-image-description=\"\" data-medium-file=\"https:\/\/i0.wp.com\/itayachtscanada.com\/wp-content\/uploads\/2025\/01\/Capture-decran-le-2025-01-24-a-14.49.49.jpg?fit=300%2C198&#038;ssl=1\" data-large-file=\"https:\/\/i0.wp.com\/itayachtscanada.com\/wp-content\/uploads\/2025\/01\/Capture-decran-le-2025-01-24-a-14.49.49.jpg?fit=700%2C463&#038;ssl=1\" src=\"https:\/\/i0.wp.com\/itayachtscanada.com\/wp-content\/uploads\/2025\/01\/Capture-decran-le-2025-01-24-a-14.49.49.jpg?w=229&#038;h=151&#038;ssl=1\" srcset=\"https:\/\/i0.wp.com\/itayachtscanada.com\/wp-content\/uploads\/2025\/01\/Capture-decran-le-2025-01-24-a-14.49.49.jpg?w=1548&amp;ssl=1 1548w, https:\/\/i0.wp.com\/itayachtscanada.com\/wp-content\/uploads\/2025\/01\/Capture-decran-le-2025-01-24-a-14.49.49.jpg?resize=300%2C198&amp;ssl=1 300w, https:\/\/i0.wp.com\/itayachtscanada.com\/wp-content\/uploads\/2025\/01\/Capture-decran-le-2025-01-24-a-14.49.49.jpg?resize=1024%2C677&amp;ssl=1 1024w, https:\/\/i0.wp.com\/itayachtscanada.com\/wp-content\/uploads\/2025\/01\/Capture-decran-le-2025-01-24-a-14.49.49.jpg?resize=768%2C508&amp;ssl=1 768w, https:\/\/i0.wp.com\/itayachtscanada.com\/wp-content\/uploads\/2025\/01\/Capture-decran-le-2025-01-24-a-14.49.49.jpg?resize=1536%2C1016&amp;ssl=1 1536w, https:\/\/i0.wp.com\/itayachtscanada.com\/wp-content\/uploads\/2025\/01\/Capture-decran-le-2025-01-24-a-14.49.49.jpg?resize=700%2C463&amp;ssl=1 700w, https:\/\/i0.wp.com\/itayachtscanada.com\/wp-content\/uploads\/2025\/01\/Capture-decran-le-2025-01-24-a-14.49.49.jpg?resize=605%2C400&amp;ssl=1 605w, https:\/\/i0.wp.com\/itayachtscanada.com\/wp-content\/uploads\/2025\/01\/Capture-decran-le-2025-01-24-a-14.49.49.jpg?w=1400&amp;ssl=1 1400w\" width=\"229\" height=\"151\" loading=\"lazy\" data-original-width=\"229\" data-original-height=\"151\" itemprop=\"http:\/\/schema.org\/image\" title=\"Capture d\u2019e\u0301cran, le 2025-01-24 a\u0300 14.49.49\" alt=\"Capture d\u2019e\u0301cran, le 2025-01-24 a\u0300 14.49.49\" style=\"width: 229px; height: 151px;\" \/> <\/a> <\/div> <\/div> <!-- close group --> <div class=\"gallery-group images-1\" style=\"width: 467px; height: 311px;\" data-original-width=\"467\" data-original-height=\"311\" > <div class=\"tiled-gallery-item tiled-gallery-item-large\" itemprop=\"associatedMedia\" itemscope itemtype=\"http:\/\/schema.org\/ImageObject\"> <a href=\"https:\/\/itayachtscanada.com\/fr\/listing\/marlow-53e-2020-2599000-usd-for-sale\/capture-decran-le-2025-01-24-a-14-48-36\/\" border=\"0\" itemprop=\"url\"> <meta itemprop=\"width\" content=\"463\"> <meta itemprop=\"height\" content=\"307\"> <img decoding=\"async\" class=\"\" data-attachment-id=\"201651\" data-orig-file=\"https:\/\/itayachtscanada.com\/wp-content\/uploads\/2025\/01\/Capture-decran-le-2025-01-24-a-14.48.36.jpg\" data-orig-size=\"1546,1024\" data-comments-opened=\"1\" data-image-meta=\"{&quot;aperture&quot;:&quot;0&quot;,&quot;credit&quot;:&quot;&quot;,&quot;camera&quot;:&quot;&quot;,&quot;caption&quot;:&quot;&quot;,&quot;created_timestamp&quot;:&quot;0&quot;,&quot;copyright&quot;:&quot;&quot;,&quot;focal_length&quot;:&quot;0&quot;,&quot;iso&quot;:&quot;0&quot;,&quot;shutter_speed&quot;:&quot;0&quot;,&quot;title&quot;:&quot;&quot;,&quot;orientation&quot;:&quot;0&quot;}\" data-image-title=\"Capture d\u2019e\u0301cran, le 2025-01-24 a\u0300 14.48.36\" data-image-description=\"\" data-medium-file=\"https:\/\/i0.wp.com\/itayachtscanada.com\/wp-content\/uploads\/2025\/01\/Capture-decran-le-2025-01-24-a-14.48.36.jpg?fit=300%2C199&#038;ssl=1\" data-large-file=\"https:\/\/i0.wp.com\/itayachtscanada.com\/wp-content\/uploads\/2025\/01\/Capture-decran-le-2025-01-24-a-14.48.36.jpg?fit=700%2C463&#038;ssl=1\" src=\"https:\/\/i0.wp.com\/itayachtscanada.com\/wp-content\/uploads\/2025\/01\/Capture-decran-le-2025-01-24-a-14.48.36.jpg?w=463&#038;h=307&#038;ssl=1\" srcset=\"https:\/\/i0.wp.com\/itayachtscanada.com\/wp-content\/uploads\/2025\/01\/Capture-decran-le-2025-01-24-a-14.48.36.jpg?w=1546&amp;ssl=1 1546w, https:\/\/i0.wp.com\/itayachtscanada.com\/wp-content\/uploads\/2025\/01\/Capture-decran-le-2025-01-24-a-14.48.36.jpg?resize=300%2C199&amp;ssl=1 300w, https:\/\/i0.wp.com\/itayachtscanada.com\/wp-content\/uploads\/2025\/01\/Capture-decran-le-2025-01-24-a-14.48.36.jpg?resize=1024%2C678&amp;ssl=1 1024w, https:\/\/i0.wp.com\/itayachtscanada.com\/wp-content\/uploads\/2025\/01\/Capture-decran-le-2025-01-24-a-14.48.36.jpg?resize=768%2C509&amp;ssl=1 768w, https:\/\/i0.wp.com\/itayachtscanada.com\/wp-content\/uploads\/2025\/01\/Capture-decran-le-2025-01-24-a-14.48.36.jpg?resize=1536%2C1017&amp;ssl=1 1536w, https:\/\/i0.wp.com\/itayachtscanada.com\/wp-content\/uploads\/2025\/01\/Capture-decran-le-2025-01-24-a-14.48.36.jpg?resize=700%2C464&amp;ssl=1 700w, https:\/\/i0.wp.com\/itayachtscanada.com\/wp-content\/uploads\/2025\/01\/Capture-decran-le-2025-01-24-a-14.48.36.jpg?resize=604%2C400&amp;ssl=1 604w, https:\/\/i0.wp.com\/itayachtscanada.com\/wp-content\/uploads\/2025\/01\/Capture-decran-le-2025-01-24-a-14.48.36.jpg?w=1400&amp;ssl=1 1400w\" width=\"463\" height=\"307\" loading=\"lazy\" data-original-width=\"463\" data-original-height=\"307\" itemprop=\"http:\/\/schema.org\/image\" title=\"Capture d\u2019e\u0301cran, le 2025-01-24 a\u0300 14.48.36\" alt=\"Capture d\u2019e\u0301cran, le 2025-01-24 a\u0300 14.48.36\" style=\"width: 463px; height: 307px;\" \/> <\/a> <\/div> <\/div> <!-- close group --> <\/div> <!-- close row --> <div class=\"gallery-row\" style=\"width: 700px; height: 322px;\" data-original-width=\"700\" data-original-height=\"322\" > <div class=\"gallery-group images-1\" style=\"width: 484px; height: 322px;\" data-original-width=\"484\" data-original-height=\"322\" > <div class=\"tiled-gallery-item tiled-gallery-item-large\" itemprop=\"associatedMedia\" itemscope itemtype=\"http:\/\/schema.org\/ImageObject\"> <a href=\"https:\/\/itayachtscanada.com\/fr\/listing\/marlow-53e-2020-2599000-usd-for-sale\/capture-decran-le-2025-01-24-a-14-49-01\/\" border=\"0\" itemprop=\"url\"> <meta itemprop=\"width\" content=\"480\"> <meta itemprop=\"height\" content=\"318\"> <img decoding=\"async\" class=\"\" data-attachment-id=\"201650\" data-orig-file=\"https:\/\/itayachtscanada.com\/wp-content\/uploads\/2025\/01\/Capture-decran-le-2025-01-24-a-14.49.01.jpg\" data-orig-size=\"1546,1024\" data-comments-opened=\"1\" data-image-meta=\"{&quot;aperture&quot;:&quot;0&quot;,&quot;credit&quot;:&quot;&quot;,&quot;camera&quot;:&quot;&quot;,&quot;caption&quot;:&quot;&quot;,&quot;created_timestamp&quot;:&quot;0&quot;,&quot;copyright&quot;:&quot;&quot;,&quot;focal_length&quot;:&quot;0&quot;,&quot;iso&quot;:&quot;0&quot;,&quot;shutter_speed&quot;:&quot;0&quot;,&quot;title&quot;:&quot;&quot;,&quot;orientation&quot;:&quot;0&quot;}\" data-image-title=\"Capture d\u2019e\u0301cran, le 2025-01-24 a\u0300 14.49.01\" data-image-description=\"\" data-medium-file=\"https:\/\/i0.wp.com\/itayachtscanada.com\/wp-content\/uploads\/2025\/01\/Capture-decran-le-2025-01-24-a-14.49.01.jpg?fit=300%2C199&#038;ssl=1\" data-large-file=\"https:\/\/i0.wp.com\/itayachtscanada.com\/wp-content\/uploads\/2025\/01\/Capture-decran-le-2025-01-24-a-14.49.01.jpg?fit=700%2C463&#038;ssl=1\" src=\"https:\/\/i0.wp.com\/itayachtscanada.com\/wp-content\/uploads\/2025\/01\/Capture-decran-le-2025-01-24-a-14.49.01.jpg?w=480&#038;h=318&#038;ssl=1\" srcset=\"https:\/\/i0.wp.com\/itayachtscanada.com\/wp-content\/uploads\/2025\/01\/Capture-decran-le-2025-01-24-a-14.49.01.jpg?w=1546&amp;ssl=1 1546w, https:\/\/i0.wp.com\/itayachtscanada.com\/wp-content\/uploads\/2025\/01\/Capture-decran-le-2025-01-24-a-14.49.01.jpg?resize=300%2C199&amp;ssl=1 300w, https:\/\/i0.wp.com\/itayachtscanada.com\/wp-content\/uploads\/2025\/01\/Capture-decran-le-2025-01-24-a-14.49.01.jpg?resize=1024%2C678&amp;ssl=1 1024w, https:\/\/i0.wp.com\/itayachtscanada.com\/wp-content\/uploads\/2025\/01\/Capture-decran-le-2025-01-24-a-14.49.01.jpg?resize=768%2C509&amp;ssl=1 768w, https:\/\/i0.wp.com\/itayachtscanada.com\/wp-content\/uploads\/2025\/01\/Capture-decran-le-2025-01-24-a-14.49.01.jpg?resize=1536%2C1017&amp;ssl=1 1536w, https:\/\/i0.wp.com\/itayachtscanada.com\/wp-content\/uploads\/2025\/01\/Capture-decran-le-2025-01-24-a-14.49.01.jpg?resize=700%2C464&amp;ssl=1 700w, https:\/\/i0.wp.com\/itayachtscanada.com\/wp-content\/uploads\/2025\/01\/Capture-decran-le-2025-01-24-a-14.49.01.jpg?resize=604%2C400&amp;ssl=1 604w, https:\/\/i0.wp.com\/itayachtscanada.com\/wp-content\/uploads\/2025\/01\/Capture-decran-le-2025-01-24-a-14.49.01.jpg?w=1400&amp;ssl=1 1400w\" width=\"480\" height=\"318\" loading=\"lazy\" data-original-width=\"480\" data-original-height=\"318\" itemprop=\"http:\/\/schema.org\/image\" title=\"Capture d\u2019e\u0301cran, le 2025-01-24 a\u0300 14.49.01\" alt=\"Capture d\u2019e\u0301cran, le 2025-01-24 a\u0300 14.49.01\" style=\"width: 480px; height: 318px;\" \/> <\/a> <\/div> <\/div> <!-- close group --> <div class=\"gallery-group images-1\" style=\"width: 216px; height: 322px;\" data-original-width=\"216\" data-original-height=\"322\" > <div class=\"tiled-gallery-item tiled-gallery-item-small\" itemprop=\"associatedMedia\" itemscope itemtype=\"http:\/\/schema.org\/ImageObject\"> <a href=\"https:\/\/itayachtscanada.com\/fr\/listing\/marlow-53e-2020-2599000-usd-for-sale\/capture-decran-le-2025-01-24-a-14-49-05\/\" border=\"0\" itemprop=\"url\"> <meta itemprop=\"width\" content=\"212\"> <meta itemprop=\"height\" content=\"318\"> <img decoding=\"async\" class=\"\" data-attachment-id=\"201649\" data-orig-file=\"https:\/\/itayachtscanada.com\/wp-content\/uploads\/2025\/01\/Capture-decran-le-2025-01-24-a-14.49.05.jpg\" data-orig-size=\"684,1024\" data-comments-opened=\"1\" data-image-meta=\"{&quot;aperture&quot;:&quot;0&quot;,&quot;credit&quot;:&quot;&quot;,&quot;camera&quot;:&quot;&quot;,&quot;caption&quot;:&quot;&quot;,&quot;created_timestamp&quot;:&quot;0&quot;,&quot;copyright&quot;:&quot;&quot;,&quot;focal_length&quot;:&quot;0&quot;,&quot;iso&quot;:&quot;0&quot;,&quot;shutter_speed&quot;:&quot;0&quot;,&quot;title&quot;:&quot;&quot;,&quot;orientation&quot;:&quot;0&quot;}\" data-image-title=\"Capture d\u2019e\u0301cran, le 2025-01-24 a\u0300 14.49.05\" data-image-description=\"\" data-medium-file=\"https:\/\/i0.wp.com\/itayachtscanada.com\/wp-content\/uploads\/2025\/01\/Capture-decran-le-2025-01-24-a-14.49.05.jpg?fit=200%2C300&#038;ssl=1\" data-large-file=\"https:\/\/i0.wp.com\/itayachtscanada.com\/wp-content\/uploads\/2025\/01\/Capture-decran-le-2025-01-24-a-14.49.05.jpg?fit=684%2C1024&#038;ssl=1\" src=\"https:\/\/i0.wp.com\/itayachtscanada.com\/wp-content\/uploads\/2025\/01\/Capture-decran-le-2025-01-24-a-14.49.05.jpg?w=212&#038;h=318&#038;ssl=1\" srcset=\"https:\/\/i0.wp.com\/itayachtscanada.com\/wp-content\/uploads\/2025\/01\/Capture-decran-le-2025-01-24-a-14.49.05.jpg?w=684&amp;ssl=1 684w, https:\/\/i0.wp.com\/itayachtscanada.com\/wp-content\/uploads\/2025\/01\/Capture-decran-le-2025-01-24-a-14.49.05.jpg?resize=200%2C300&amp;ssl=1 200w, https:\/\/i0.wp.com\/itayachtscanada.com\/wp-content\/uploads\/2025\/01\/Capture-decran-le-2025-01-24-a-14.49.05.jpg?resize=267%2C400&amp;ssl=1 267w\" width=\"212\" height=\"318\" loading=\"lazy\" data-original-width=\"212\" data-original-height=\"318\" itemprop=\"http:\/\/schema.org\/image\" title=\"Capture d\u2019e\u0301cran, le 2025-01-24 a\u0300 14.49.05\" alt=\"Capture d\u2019e\u0301cran, le 2025-01-24 a\u0300 14.49.05\" style=\"width: 212px; height: 318px;\" \/> <\/a> <\/div> <\/div> <!-- close group --> <\/div> <!-- close row --> <div class=\"gallery-row\" style=\"width: 700px; height: 311px;\" data-original-width=\"700\" data-original-height=\"311\" > <div class=\"gallery-group images-1\" style=\"width: 467px; height: 311px;\" data-original-width=\"467\" data-original-height=\"311\" > <div class=\"tiled-gallery-item tiled-gallery-item-large\" itemprop=\"associatedMedia\" itemscope itemtype=\"http:\/\/schema.org\/ImageObject\"> <a href=\"https:\/\/itayachtscanada.com\/fr\/listing\/marlow-53e-2020-2599000-usd-for-sale\/capture-decran-le-2025-01-24-a-14-49-14\/\" border=\"0\" itemprop=\"url\"> <meta itemprop=\"width\" content=\"463\"> <meta itemprop=\"height\" content=\"307\"> <img decoding=\"async\" class=\"\" data-attachment-id=\"201648\" data-orig-file=\"https:\/\/itayachtscanada.com\/wp-content\/uploads\/2025\/01\/Capture-decran-le-2025-01-24-a-14.49.14.jpg\" data-orig-size=\"1548,1024\" data-comments-opened=\"1\" data-image-meta=\"{&quot;aperture&quot;:&quot;0&quot;,&quot;credit&quot;:&quot;&quot;,&quot;camera&quot;:&quot;&quot;,&quot;caption&quot;:&quot;&quot;,&quot;created_timestamp&quot;:&quot;0&quot;,&quot;copyright&quot;:&quot;&quot;,&quot;focal_length&quot;:&quot;0&quot;,&quot;iso&quot;:&quot;0&quot;,&quot;shutter_speed&quot;:&quot;0&quot;,&quot;title&quot;:&quot;&quot;,&quot;orientation&quot;:&quot;0&quot;}\" data-image-title=\"Capture d\u2019e\u0301cran, le 2025-01-24 a\u0300 14.49.14\" data-image-description=\"\" data-medium-file=\"https:\/\/i0.wp.com\/itayachtscanada.com\/wp-content\/uploads\/2025\/01\/Capture-decran-le-2025-01-24-a-14.49.14.jpg?fit=300%2C198&#038;ssl=1\" data-large-file=\"https:\/\/i0.wp.com\/itayachtscanada.com\/wp-content\/uploads\/2025\/01\/Capture-decran-le-2025-01-24-a-14.49.14.jpg?fit=700%2C463&#038;ssl=1\" src=\"https:\/\/i0.wp.com\/itayachtscanada.com\/wp-content\/uploads\/2025\/01\/Capture-decran-le-2025-01-24-a-14.49.14.jpg?w=463&#038;h=307&#038;ssl=1\" srcset=\"https:\/\/i0.wp.com\/itayachtscanada.com\/wp-content\/uploads\/2025\/01\/Capture-decran-le-2025-01-24-a-14.49.14.jpg?w=1548&amp;ssl=1 1548w, https:\/\/i0.wp.com\/itayachtscanada.com\/wp-content\/uploads\/2025\/01\/Capture-decran-le-2025-01-24-a-14.49.14.jpg?resize=300%2C198&amp;ssl=1 300w, https:\/\/i0.wp.com\/itayachtscanada.com\/wp-content\/uploads\/2025\/01\/Capture-decran-le-2025-01-24-a-14.49.14.jpg?resize=1024%2C677&amp;ssl=1 1024w, https:\/\/i0.wp.com\/itayachtscanada.com\/wp-content\/uploads\/2025\/01\/Capture-decran-le-2025-01-24-a-14.49.14.jpg?resize=768%2C508&amp;ssl=1 768w, https:\/\/i0.wp.com\/itayachtscanada.com\/wp-content\/uploads\/2025\/01\/Capture-decran-le-2025-01-24-a-14.49.14.jpg?resize=1536%2C1016&amp;ssl=1 1536w, https:\/\/i0.wp.com\/itayachtscanada.com\/wp-content\/uploads\/2025\/01\/Capture-decran-le-2025-01-24-a-14.49.14.jpg?resize=700%2C463&amp;ssl=1 700w, https:\/\/i0.wp.com\/itayachtscanada.com\/wp-content\/uploads\/2025\/01\/Capture-decran-le-2025-01-24-a-14.49.14.jpg?resize=605%2C400&amp;ssl=1 605w, https:\/\/i0.wp.com\/itayachtscanada.com\/wp-content\/uploads\/2025\/01\/Capture-decran-le-2025-01-24-a-14.49.14.jpg?w=1400&amp;ssl=1 1400w\" width=\"463\" height=\"307\" loading=\"lazy\" data-original-width=\"463\" data-original-height=\"307\" itemprop=\"http:\/\/schema.org\/image\" title=\"Capture d\u2019e\u0301cran, le 2025-01-24 a\u0300 14.49.14\" alt=\"Capture d\u2019e\u0301cran, le 2025-01-24 a\u0300 14.49.14\" style=\"width: 463px; height: 307px;\" \/> <\/a> <\/div> <\/div> <!-- close group --> <div class=\"gallery-group images-2\" style=\"width: 233px; height: 311px;\" data-original-width=\"233\" data-original-height=\"311\" > <div class=\"tiled-gallery-item tiled-gallery-item-small\" itemprop=\"associatedMedia\" itemscope itemtype=\"http:\/\/schema.org\/ImageObject\"> <a href=\"https:\/\/itayachtscanada.com\/fr\/listing\/marlow-53e-2020-2599000-usd-for-sale\/capture-decran-le-2025-01-24-a-14-49-22\/\" border=\"0\" itemprop=\"url\"> <meta itemprop=\"width\" content=\"229\"> <meta itemprop=\"height\" content=\"152\"> <img decoding=\"async\" class=\"\" data-attachment-id=\"201647\" data-orig-file=\"https:\/\/itayachtscanada.com\/wp-content\/uploads\/2025\/01\/Capture-decran-le-2025-01-24-a-14.49.22.jpg\" data-orig-size=\"1548,1024\" data-comments-opened=\"1\" data-image-meta=\"{&quot;aperture&quot;:&quot;0&quot;,&quot;credit&quot;:&quot;&quot;,&quot;camera&quot;:&quot;&quot;,&quot;caption&quot;:&quot;&quot;,&quot;created_timestamp&quot;:&quot;0&quot;,&quot;copyright&quot;:&quot;&quot;,&quot;focal_length&quot;:&quot;0&quot;,&quot;iso&quot;:&quot;0&quot;,&quot;shutter_speed&quot;:&quot;0&quot;,&quot;title&quot;:&quot;&quot;,&quot;orientation&quot;:&quot;0&quot;}\" data-image-title=\"Capture d\u2019e\u0301cran, le 2025-01-24 a\u0300 14.49.22\" data-image-description=\"\" data-medium-file=\"https:\/\/i0.wp.com\/itayachtscanada.com\/wp-content\/uploads\/2025\/01\/Capture-decran-le-2025-01-24-a-14.49.22.jpg?fit=300%2C198&#038;ssl=1\" data-large-file=\"https:\/\/i0.wp.com\/itayachtscanada.com\/wp-content\/uploads\/2025\/01\/Capture-decran-le-2025-01-24-a-14.49.22.jpg?fit=700%2C463&#038;ssl=1\" src=\"https:\/\/i0.wp.com\/itayachtscanada.com\/wp-content\/uploads\/2025\/01\/Capture-decran-le-2025-01-24-a-14.49.22.jpg?w=229&#038;h=152&#038;ssl=1\" srcset=\"https:\/\/i0.wp.com\/itayachtscanada.com\/wp-content\/uploads\/2025\/01\/Capture-decran-le-2025-01-24-a-14.49.22.jpg?w=1548&amp;ssl=1 1548w, https:\/\/i0.wp.com\/itayachtscanada.com\/wp-content\/uploads\/2025\/01\/Capture-decran-le-2025-01-24-a-14.49.22.jpg?resize=300%2C198&amp;ssl=1 300w, https:\/\/i0.wp.com\/itayachtscanada.com\/wp-content\/uploads\/2025\/01\/Capture-decran-le-2025-01-24-a-14.49.22.jpg?resize=1024%2C677&amp;ssl=1 1024w, https:\/\/i0.wp.com\/itayachtscanada.com\/wp-content\/uploads\/2025\/01\/Capture-decran-le-2025-01-24-a-14.49.22.jpg?resize=768%2C508&amp;ssl=1 768w, https:\/\/i0.wp.com\/itayachtscanada.com\/wp-content\/uploads\/2025\/01\/Capture-decran-le-2025-01-24-a-14.49.22.jpg?resize=1536%2C1016&amp;ssl=1 1536w, https:\/\/i0.wp.com\/itayachtscanada.com\/wp-content\/uploads\/2025\/01\/Capture-decran-le-2025-01-24-a-14.49.22.jpg?resize=700%2C463&amp;ssl=1 700w, https:\/\/i0.wp.com\/itayachtscanada.com\/wp-content\/uploads\/2025\/01\/Capture-decran-le-2025-01-24-a-14.49.22.jpg?resize=900%2C600&amp;ssl=1 900w, https:\/\/i0.wp.com\/itayachtscanada.com\/wp-content\/uploads\/2025\/01\/Capture-decran-le-2025-01-24-a-14.49.22.jpg?resize=605%2C400&amp;ssl=1 605w, https:\/\/i0.wp.com\/itayachtscanada.com\/wp-content\/uploads\/2025\/01\/Capture-decran-le-2025-01-24-a-14.49.22.jpg?w=1400&amp;ssl=1 1400w\" width=\"229\" height=\"152\" loading=\"lazy\" data-original-width=\"229\" data-original-height=\"152\" itemprop=\"http:\/\/schema.org\/image\" title=\"Capture d\u2019e\u0301cran, le 2025-01-24 a\u0300 14.49.22\" alt=\"Capture d\u2019e\u0301cran, le 2025-01-24 a\u0300 14.49.22\" style=\"width: 229px; height: 152px;\" \/> <\/a> <\/div> <div class=\"tiled-gallery-item tiled-gallery-item-small\" itemprop=\"associatedMedia\" itemscope itemtype=\"http:\/\/schema.org\/ImageObject\"> <a href=\"https:\/\/itayachtscanada.com\/fr\/listing\/marlow-53e-2020-2599000-usd-for-sale\/capture-decran-le-2025-01-24-a-14-49-30\/\" border=\"0\" itemprop=\"url\"> <meta itemprop=\"width\" content=\"229\"> <meta itemprop=\"height\" content=\"151\"> <img decoding=\"async\" class=\"\" data-attachment-id=\"201645\" data-orig-file=\"https:\/\/itayachtscanada.com\/wp-content\/uploads\/2025\/01\/Capture-decran-le-2025-01-24-a-14.49.30.jpg\" data-orig-size=\"1548,1024\" data-comments-opened=\"1\" data-image-meta=\"{&quot;aperture&quot;:&quot;0&quot;,&quot;credit&quot;:&quot;&quot;,&quot;camera&quot;:&quot;&quot;,&quot;caption&quot;:&quot;&quot;,&quot;created_timestamp&quot;:&quot;0&quot;,&quot;copyright&quot;:&quot;&quot;,&quot;focal_length&quot;:&quot;0&quot;,&quot;iso&quot;:&quot;0&quot;,&quot;shutter_speed&quot;:&quot;0&quot;,&quot;title&quot;:&quot;&quot;,&quot;orientation&quot;:&quot;0&quot;}\" data-image-title=\"Capture d\u2019e\u0301cran, le 2025-01-24 a\u0300 14.49.30\" data-image-description=\"\" data-medium-file=\"https:\/\/i0.wp.com\/itayachtscanada.com\/wp-content\/uploads\/2025\/01\/Capture-decran-le-2025-01-24-a-14.49.30.jpg?fit=300%2C198&#038;ssl=1\" data-large-file=\"https:\/\/i0.wp.com\/itayachtscanada.com\/wp-content\/uploads\/2025\/01\/Capture-decran-le-2025-01-24-a-14.49.30.jpg?fit=700%2C463&#038;ssl=1\" src=\"https:\/\/i0.wp.com\/itayachtscanada.com\/wp-content\/uploads\/2025\/01\/Capture-decran-le-2025-01-24-a-14.49.30.jpg?w=229&#038;h=151&#038;ssl=1\" srcset=\"https:\/\/i0.wp.com\/itayachtscanada.com\/wp-content\/uploads\/2025\/01\/Capture-decran-le-2025-01-24-a-14.49.30.jpg?w=1548&amp;ssl=1 1548w, https:\/\/i0.wp.com\/itayachtscanada.com\/wp-content\/uploads\/2025\/01\/Capture-decran-le-2025-01-24-a-14.49.30.jpg?resize=300%2C198&amp;ssl=1 300w, https:\/\/i0.wp.com\/itayachtscanada.com\/wp-content\/uploads\/2025\/01\/Capture-decran-le-2025-01-24-a-14.49.30.jpg?resize=1024%2C677&amp;ssl=1 1024w, https:\/\/i0.wp.com\/itayachtscanada.com\/wp-content\/uploads\/2025\/01\/Capture-decran-le-2025-01-24-a-14.49.30.jpg?resize=768%2C508&amp;ssl=1 768w, https:\/\/i0.wp.com\/itayachtscanada.com\/wp-content\/uploads\/2025\/01\/Capture-decran-le-2025-01-24-a-14.49.30.jpg?resize=1536%2C1016&amp;ssl=1 1536w, https:\/\/i0.wp.com\/itayachtscanada.com\/wp-content\/uploads\/2025\/01\/Capture-decran-le-2025-01-24-a-14.49.30.jpg?resize=700%2C463&amp;ssl=1 700w, https:\/\/i0.wp.com\/itayachtscanada.com\/wp-content\/uploads\/2025\/01\/Capture-decran-le-2025-01-24-a-14.49.30.jpg?resize=605%2C400&amp;ssl=1 605w, https:\/\/i0.wp.com\/itayachtscanada.com\/wp-content\/uploads\/2025\/01\/Capture-decran-le-2025-01-24-a-14.49.30.jpg?w=1400&amp;ssl=1 1400w\" width=\"229\" height=\"151\" loading=\"lazy\" data-original-width=\"229\" data-original-height=\"151\" itemprop=\"http:\/\/schema.org\/image\" title=\"Capture d\u2019e\u0301cran, le 2025-01-24 a\u0300 14.49.30\" alt=\"Capture d\u2019e\u0301cran, le 2025-01-24 a\u0300 14.49.30\" style=\"width: 229px; height: 151px;\" \/> <\/a> <\/div> <\/div> <!-- close group --> <\/div> <!-- close row --> <div class=\"gallery-row\" style=\"width: 700px; height: 233px;\" data-original-width=\"700\" data-original-height=\"233\" > <div class=\"gallery-group images-1\" style=\"width: 350px; height: 233px;\" data-original-width=\"350\" data-original-height=\"233\" > <div class=\"tiled-gallery-item tiled-gallery-item-large\" itemprop=\"associatedMedia\" itemscope itemtype=\"http:\/\/schema.org\/ImageObject\"> <a href=\"https:\/\/itayachtscanada.com\/fr\/listing\/marlow-53e-2020-2599000-usd-for-sale\/capture-decran-le-2025-01-24-a-14-49-25\/\" border=\"0\" itemprop=\"url\"> <meta itemprop=\"width\" content=\"346\"> <meta itemprop=\"height\" content=\"229\"> <img decoding=\"async\" class=\"\" data-attachment-id=\"201646\" data-orig-file=\"https:\/\/itayachtscanada.com\/wp-content\/uploads\/2025\/01\/Capture-decran-le-2025-01-24-a-14.49.25.jpg\" data-orig-size=\"1548,1024\" data-comments-opened=\"1\" data-image-meta=\"{&quot;aperture&quot;:&quot;0&quot;,&quot;credit&quot;:&quot;&quot;,&quot;camera&quot;:&quot;&quot;,&quot;caption&quot;:&quot;&quot;,&quot;created_timestamp&quot;:&quot;0&quot;,&quot;copyright&quot;:&quot;&quot;,&quot;focal_length&quot;:&quot;0&quot;,&quot;iso&quot;:&quot;0&quot;,&quot;shutter_speed&quot;:&quot;0&quot;,&quot;title&quot;:&quot;&quot;,&quot;orientation&quot;:&quot;0&quot;}\" data-image-title=\"Capture d\u2019e\u0301cran, le 2025-01-24 a\u0300 14.49.25\" data-image-description=\"\" data-medium-file=\"https:\/\/i0.wp.com\/itayachtscanada.com\/wp-content\/uploads\/2025\/01\/Capture-decran-le-2025-01-24-a-14.49.25.jpg?fit=300%2C198&#038;ssl=1\" data-large-file=\"https:\/\/i0.wp.com\/itayachtscanada.com\/wp-content\/uploads\/2025\/01\/Capture-decran-le-2025-01-24-a-14.49.25.jpg?fit=700%2C463&#038;ssl=1\" src=\"https:\/\/i0.wp.com\/itayachtscanada.com\/wp-content\/uploads\/2025\/01\/Capture-decran-le-2025-01-24-a-14.49.25.jpg?w=346&#038;h=229&#038;ssl=1\" srcset=\"https:\/\/i0.wp.com\/itayachtscanada.com\/wp-content\/uploads\/2025\/01\/Capture-decran-le-2025-01-24-a-14.49.25.jpg?w=1548&amp;ssl=1 1548w, https:\/\/i0.wp.com\/itayachtscanada.com\/wp-content\/uploads\/2025\/01\/Capture-decran-le-2025-01-24-a-14.49.25.jpg?resize=300%2C198&amp;ssl=1 300w, https:\/\/i0.wp.com\/itayachtscanada.com\/wp-content\/uploads\/2025\/01\/Capture-decran-le-2025-01-24-a-14.49.25.jpg?resize=1024%2C677&amp;ssl=1 1024w, https:\/\/i0.wp.com\/itayachtscanada.com\/wp-content\/uploads\/2025\/01\/Capture-decran-le-2025-01-24-a-14.49.25.jpg?resize=768%2C508&amp;ssl=1 768w, https:\/\/i0.wp.com\/itayachtscanada.com\/wp-content\/uploads\/2025\/01\/Capture-decran-le-2025-01-24-a-14.49.25.jpg?resize=1536%2C1016&amp;ssl=1 1536w, https:\/\/i0.wp.com\/itayachtscanada.com\/wp-content\/uploads\/2025\/01\/Capture-decran-le-2025-01-24-a-14.49.25.jpg?resize=700%2C463&amp;ssl=1 700w, https:\/\/i0.wp.com\/itayachtscanada.com\/wp-content\/uploads\/2025\/01\/Capture-decran-le-2025-01-24-a-14.49.25.jpg?resize=605%2C400&amp;ssl=1 605w, https:\/\/i0.wp.com\/itayachtscanada.com\/wp-content\/uploads\/2025\/01\/Capture-decran-le-2025-01-24-a-14.49.25.jpg?w=1400&amp;ssl=1 1400w\" width=\"346\" height=\"229\" loading=\"lazy\" data-original-width=\"346\" data-original-height=\"229\" itemprop=\"http:\/\/schema.org\/image\" title=\"Capture d\u2019e\u0301cran, le 2025-01-24 a\u0300 14.49.25\" alt=\"Capture d\u2019e\u0301cran, le 2025-01-24 a\u0300 14.49.25\" style=\"width: 346px; height: 229px;\" \/> <\/a> <\/div> <\/div> <!-- close group --> <div class=\"gallery-group images-1\" style=\"width: 350px; height: 233px;\" data-original-width=\"350\" data-original-height=\"233\" > <div class=\"tiled-gallery-item tiled-gallery-item-large\" itemprop=\"associatedMedia\" itemscope itemtype=\"http:\/\/schema.org\/ImageObject\"> <a href=\"https:\/\/itayachtscanada.com\/fr\/listing\/marlow-53e-2020-2599000-usd-for-sale\/capture-decran-le-2025-01-24-a-14-49-45\/\" border=\"0\" itemprop=\"url\"> <meta itemprop=\"width\" content=\"346\"> <meta itemprop=\"height\" content=\"229\"> <img decoding=\"async\" class=\"\" data-attachment-id=\"201644\" data-orig-file=\"https:\/\/itayachtscanada.com\/wp-content\/uploads\/2025\/01\/Capture-decran-le-2025-01-24-a-14.49.45.jpg\" data-orig-size=\"1548,1024\" data-comments-opened=\"1\" data-image-meta=\"{&quot;aperture&quot;:&quot;0&quot;,&quot;credit&quot;:&quot;&quot;,&quot;camera&quot;:&quot;&quot;,&quot;caption&quot;:&quot;&quot;,&quot;created_timestamp&quot;:&quot;0&quot;,&quot;copyright&quot;:&quot;&quot;,&quot;focal_length&quot;:&quot;0&quot;,&quot;iso&quot;:&quot;0&quot;,&quot;shutter_speed&quot;:&quot;0&quot;,&quot;title&quot;:&quot;&quot;,&quot;orientation&quot;:&quot;0&quot;}\" data-image-title=\"Capture d\u2019e\u0301cran, le 2025-01-24 a\u0300 14.49.45\" data-image-description=\"\" data-medium-file=\"https:\/\/i0.wp.com\/itayachtscanada.com\/wp-content\/uploads\/2025\/01\/Capture-decran-le-2025-01-24-a-14.49.45.jpg?fit=300%2C198&#038;ssl=1\" data-large-file=\"https:\/\/i0.wp.com\/itayachtscanada.com\/wp-content\/uploads\/2025\/01\/Capture-decran-le-2025-01-24-a-14.49.45.jpg?fit=700%2C463&#038;ssl=1\" src=\"https:\/\/i0.wp.com\/itayachtscanada.com\/wp-content\/uploads\/2025\/01\/Capture-decran-le-2025-01-24-a-14.49.45.jpg?w=346&#038;h=229&#038;ssl=1\" srcset=\"https:\/\/i0.wp.com\/itayachtscanada.com\/wp-content\/uploads\/2025\/01\/Capture-decran-le-2025-01-24-a-14.49.45.jpg?w=1548&amp;ssl=1 1548w, https:\/\/i0.wp.com\/itayachtscanada.com\/wp-content\/uploads\/2025\/01\/Capture-decran-le-2025-01-24-a-14.49.45.jpg?resize=300%2C198&amp;ssl=1 300w, https:\/\/i0.wp.com\/itayachtscanada.com\/wp-content\/uploads\/2025\/01\/Capture-decran-le-2025-01-24-a-14.49.45.jpg?resize=1024%2C677&amp;ssl=1 1024w, https:\/\/i0.wp.com\/itayachtscanada.com\/wp-content\/uploads\/2025\/01\/Capture-decran-le-2025-01-24-a-14.49.45.jpg?resize=768%2C508&amp;ssl=1 768w, https:\/\/i0.wp.com\/itayachtscanada.com\/wp-content\/uploads\/2025\/01\/Capture-decran-le-2025-01-24-a-14.49.45.jpg?resize=1536%2C1016&amp;ssl=1 1536w, https:\/\/i0.wp.com\/itayachtscanada.com\/wp-content\/uploads\/2025\/01\/Capture-decran-le-2025-01-24-a-14.49.45.jpg?resize=700%2C463&amp;ssl=1 700w, https:\/\/i0.wp.com\/itayachtscanada.com\/wp-content\/uploads\/2025\/01\/Capture-decran-le-2025-01-24-a-14.49.45.jpg?resize=605%2C400&amp;ssl=1 605w, https:\/\/i0.wp.com\/itayachtscanada.com\/wp-content\/uploads\/2025\/01\/Capture-decran-le-2025-01-24-a-14.49.45.jpg?w=1400&amp;ssl=1 1400w\" width=\"346\" height=\"229\" loading=\"lazy\" data-original-width=\"346\" data-original-height=\"229\" itemprop=\"http:\/\/schema.org\/image\" title=\"Capture d\u2019e\u0301cran, le 2025-01-24 a\u0300 14.49.45\" alt=\"Capture d\u2019e\u0301cran, le 2025-01-24 a\u0300 14.49.45\" style=\"width: 346px; height: 229px;\" \/> <\/a> <\/div> <\/div> <!-- close group --> <\/div> <!-- close row --> <div class=\"gallery-row\" style=\"width: 700px; height: 156px;\" data-original-width=\"700\" data-original-height=\"156\" > <div class=\"gallery-group images-1\" style=\"width: 234px; height: 156px;\" data-original-width=\"234\" data-original-height=\"156\" > <div class=\"tiled-gallery-item tiled-gallery-item-small\" itemprop=\"associatedMedia\" itemscope itemtype=\"http:\/\/schema.org\/ImageObject\"> <a href=\"https:\/\/itayachtscanada.com\/fr\/listing\/marlow-53e-2020-2599000-usd-for-sale\/capture-decran-le-2025-01-24-a-14-48-32\/\" border=\"0\" itemprop=\"url\"> <meta itemprop=\"width\" content=\"230\"> <meta itemprop=\"height\" content=\"152\"> <img decoding=\"async\" class=\"\" data-attachment-id=\"201652\" data-orig-file=\"https:\/\/itayachtscanada.com\/wp-content\/uploads\/2025\/01\/Capture-decran-le-2025-01-24-a-14.48.32.jpg\" data-orig-size=\"1546,1024\" data-comments-opened=\"1\" data-image-meta=\"{&quot;aperture&quot;:&quot;0&quot;,&quot;credit&quot;:&quot;&quot;,&quot;camera&quot;:&quot;&quot;,&quot;caption&quot;:&quot;&quot;,&quot;created_timestamp&quot;:&quot;0&quot;,&quot;copyright&quot;:&quot;&quot;,&quot;focal_length&quot;:&quot;0&quot;,&quot;iso&quot;:&quot;0&quot;,&quot;shutter_speed&quot;:&quot;0&quot;,&quot;title&quot;:&quot;&quot;,&quot;orientation&quot;:&quot;0&quot;}\" data-image-title=\"Capture d\u2019e\u0301cran, le 2025-01-24 a\u0300 14.48.32\" data-image-description=\"\" data-medium-file=\"https:\/\/i0.wp.com\/itayachtscanada.com\/wp-content\/uploads\/2025\/01\/Capture-decran-le-2025-01-24-a-14.48.32.jpg?fit=300%2C199&#038;ssl=1\" data-large-file=\"https:\/\/i0.wp.com\/itayachtscanada.com\/wp-content\/uploads\/2025\/01\/Capture-decran-le-2025-01-24-a-14.48.32.jpg?fit=700%2C463&#038;ssl=1\" src=\"https:\/\/i0.wp.com\/itayachtscanada.com\/wp-content\/uploads\/2025\/01\/Capture-decran-le-2025-01-24-a-14.48.32.jpg?w=230&#038;h=152&#038;ssl=1\" srcset=\"https:\/\/i0.wp.com\/itayachtscanada.com\/wp-content\/uploads\/2025\/01\/Capture-decran-le-2025-01-24-a-14.48.32.jpg?w=1546&amp;ssl=1 1546w, https:\/\/i0.wp.com\/itayachtscanada.com\/wp-content\/uploads\/2025\/01\/Capture-decran-le-2025-01-24-a-14.48.32.jpg?resize=300%2C199&amp;ssl=1 300w, https:\/\/i0.wp.com\/itayachtscanada.com\/wp-content\/uploads\/2025\/01\/Capture-decran-le-2025-01-24-a-14.48.32.jpg?resize=1024%2C678&amp;ssl=1 1024w, https:\/\/i0.wp.com\/itayachtscanada.com\/wp-content\/uploads\/2025\/01\/Capture-decran-le-2025-01-24-a-14.48.32.jpg?resize=768%2C509&amp;ssl=1 768w, https:\/\/i0.wp.com\/itayachtscanada.com\/wp-content\/uploads\/2025\/01\/Capture-decran-le-2025-01-24-a-14.48.32.jpg?resize=1536%2C1017&amp;ssl=1 1536w, https:\/\/i0.wp.com\/itayachtscanada.com\/wp-content\/uploads\/2025\/01\/Capture-decran-le-2025-01-24-a-14.48.32.jpg?resize=700%2C464&amp;ssl=1 700w, https:\/\/i0.wp.com\/itayachtscanada.com\/wp-content\/uploads\/2025\/01\/Capture-decran-le-2025-01-24-a-14.48.32.jpg?resize=900%2C600&amp;ssl=1 900w, https:\/\/i0.wp.com\/itayachtscanada.com\/wp-content\/uploads\/2025\/01\/Capture-decran-le-2025-01-24-a-14.48.32.jpg?resize=604%2C400&amp;ssl=1 604w, https:\/\/i0.wp.com\/itayachtscanada.com\/wp-content\/uploads\/2025\/01\/Capture-decran-le-2025-01-24-a-14.48.32.jpg?w=1400&amp;ssl=1 1400w\" width=\"230\" height=\"152\" loading=\"lazy\" data-original-width=\"230\" data-original-height=\"152\" itemprop=\"http:\/\/schema.org\/image\" title=\"Capture d\u2019e\u0301cran, le 2025-01-24 a\u0300 14.48.32\" alt=\"Capture d\u2019e\u0301cran, le 2025-01-24 a\u0300 14.48.32\" style=\"width: 230px; height: 152px;\" \/> <\/a> <\/div> <\/div> <!-- close group --> <div class=\"gallery-group images-1\" style=\"width: 233px; height: 156px;\" data-original-width=\"233\" data-original-height=\"156\" > <div class=\"tiled-gallery-item tiled-gallery-item-small\" itemprop=\"associatedMedia\" itemscope itemtype=\"http:\/\/schema.org\/ImageObject\"> <a href=\"https:\/\/itayachtscanada.com\/fr\/listing\/marlow-53e-2020-2599000-usd-for-sale\/capture-decran-le-2025-01-24-a-14-48-28\/\" border=\"0\" itemprop=\"url\"> <meta itemprop=\"width\" content=\"229\"> <meta itemprop=\"height\" content=\"152\"> <img decoding=\"async\" class=\"\" data-attachment-id=\"201653\" data-orig-file=\"https:\/\/itayachtscanada.com\/wp-content\/uploads\/2025\/01\/Capture-decran-le-2025-01-24-a-14.48.28.jpg\" data-orig-size=\"1546,1024\" data-comments-opened=\"1\" data-image-meta=\"{&quot;aperture&quot;:&quot;0&quot;,&quot;credit&quot;:&quot;&quot;,&quot;camera&quot;:&quot;&quot;,&quot;caption&quot;:&quot;&quot;,&quot;created_timestamp&quot;:&quot;0&quot;,&quot;copyright&quot;:&quot;&quot;,&quot;focal_length&quot;:&quot;0&quot;,&quot;iso&quot;:&quot;0&quot;,&quot;shutter_speed&quot;:&quot;0&quot;,&quot;title&quot;:&quot;&quot;,&quot;orientation&quot;:&quot;0&quot;}\" data-image-title=\"Capture d\u2019e\u0301cran, le 2025-01-24 a\u0300 14.48.28\" data-image-description=\"\" data-medium-file=\"https:\/\/i0.wp.com\/itayachtscanada.com\/wp-content\/uploads\/2025\/01\/Capture-decran-le-2025-01-24-a-14.48.28.jpg?fit=300%2C199&#038;ssl=1\" data-large-file=\"https:\/\/i0.wp.com\/itayachtscanada.com\/wp-content\/uploads\/2025\/01\/Capture-decran-le-2025-01-24-a-14.48.28.jpg?fit=700%2C463&#038;ssl=1\" src=\"https:\/\/i0.wp.com\/itayachtscanada.com\/wp-content\/uploads\/2025\/01\/Capture-decran-le-2025-01-24-a-14.48.28.jpg?w=229&#038;h=152&#038;ssl=1\" srcset=\"https:\/\/i0.wp.com\/itayachtscanada.com\/wp-content\/uploads\/2025\/01\/Capture-decran-le-2025-01-24-a-14.48.28.jpg?w=1546&amp;ssl=1 1546w, https:\/\/i0.wp.com\/itayachtscanada.com\/wp-content\/uploads\/2025\/01\/Capture-decran-le-2025-01-24-a-14.48.28.jpg?resize=300%2C199&amp;ssl=1 300w, https:\/\/i0.wp.com\/itayachtscanada.com\/wp-content\/uploads\/2025\/01\/Capture-decran-le-2025-01-24-a-14.48.28.jpg?resize=1024%2C678&amp;ssl=1 1024w, https:\/\/i0.wp.com\/itayachtscanada.com\/wp-content\/uploads\/2025\/01\/Capture-decran-le-2025-01-24-a-14.48.28.jpg?resize=768%2C509&amp;ssl=1 768w, https:\/\/i0.wp.com\/itayachtscanada.com\/wp-content\/uploads\/2025\/01\/Capture-decran-le-2025-01-24-a-14.48.28.jpg?resize=1536%2C1017&amp;ssl=1 1536w, https:\/\/i0.wp.com\/itayachtscanada.com\/wp-content\/uploads\/2025\/01\/Capture-decran-le-2025-01-24-a-14.48.28.jpg?resize=700%2C464&amp;ssl=1 700w, https:\/\/i0.wp.com\/itayachtscanada.com\/wp-content\/uploads\/2025\/01\/Capture-decran-le-2025-01-24-a-14.48.28.jpg?resize=900%2C600&amp;ssl=1 900w, https:\/\/i0.wp.com\/itayachtscanada.com\/wp-content\/uploads\/2025\/01\/Capture-decran-le-2025-01-24-a-14.48.28.jpg?resize=604%2C400&amp;ssl=1 604w, https:\/\/i0.wp.com\/itayachtscanada.com\/wp-content\/uploads\/2025\/01\/Capture-decran-le-2025-01-24-a-14.48.28.jpg?w=1400&amp;ssl=1 1400w\" width=\"229\" height=\"152\" loading=\"lazy\" data-original-width=\"229\" data-original-height=\"152\" itemprop=\"http:\/\/schema.org\/image\" title=\"Capture d\u2019e\u0301cran, le 2025-01-24 a\u0300 14.48.28\" alt=\"Capture d\u2019e\u0301cran, le 2025-01-24 a\u0300 14.48.28\" style=\"width: 229px; height: 152px;\" \/> <\/a> <\/div> <\/div> <!-- close group --> <div class=\"gallery-group images-1\" style=\"width: 233px; height: 156px;\" data-original-width=\"233\" data-original-height=\"156\" > <div class=\"tiled-gallery-item tiled-gallery-item-small\" itemprop=\"associatedMedia\" itemscope itemtype=\"http:\/\/schema.org\/ImageObject\"> <a href=\"https:\/\/itayachtscanada.com\/fr\/listing\/marlow-53e-2020-2599000-usd-for-sale\/capture-decran-le-2025-01-24-a-14-48-25\/\" border=\"0\" itemprop=\"url\"> <meta itemprop=\"width\" content=\"229\"> <meta itemprop=\"height\" content=\"152\"> <img decoding=\"async\" class=\"\" data-attachment-id=\"201654\" data-orig-file=\"https:\/\/itayachtscanada.com\/wp-content\/uploads\/2025\/01\/Capture-decran-le-2025-01-24-a-14.48.25.jpg\" data-orig-size=\"1546,1024\" data-comments-opened=\"1\" data-image-meta=\"{&quot;aperture&quot;:&quot;0&quot;,&quot;credit&quot;:&quot;&quot;,&quot;camera&quot;:&quot;&quot;,&quot;caption&quot;:&quot;&quot;,&quot;created_timestamp&quot;:&quot;0&quot;,&quot;copyright&quot;:&quot;&quot;,&quot;focal_length&quot;:&quot;0&quot;,&quot;iso&quot;:&quot;0&quot;,&quot;shutter_speed&quot;:&quot;0&quot;,&quot;title&quot;:&quot;&quot;,&quot;orientation&quot;:&quot;0&quot;}\" data-image-title=\"Capture d\u2019e\u0301cran, le 2025-01-24 a\u0300 14.48.25\" data-image-description=\"\" data-medium-file=\"https:\/\/i0.wp.com\/itayachtscanada.com\/wp-content\/uploads\/2025\/01\/Capture-decran-le-2025-01-24-a-14.48.25.jpg?fit=300%2C199&#038;ssl=1\" data-large-file=\"https:\/\/i0.wp.com\/itayachtscanada.com\/wp-content\/uploads\/2025\/01\/Capture-decran-le-2025-01-24-a-14.48.25.jpg?fit=700%2C463&#038;ssl=1\" src=\"https:\/\/i0.wp.com\/itayachtscanada.com\/wp-content\/uploads\/2025\/01\/Capture-decran-le-2025-01-24-a-14.48.25.jpg?w=229&#038;h=152&#038;ssl=1\" srcset=\"https:\/\/i0.wp.com\/itayachtscanada.com\/wp-content\/uploads\/2025\/01\/Capture-decran-le-2025-01-24-a-14.48.25.jpg?w=1546&amp;ssl=1 1546w, https:\/\/i0.wp.com\/itayachtscanada.com\/wp-content\/uploads\/2025\/01\/Capture-decran-le-2025-01-24-a-14.48.25.jpg?resize=300%2C199&amp;ssl=1 300w, https:\/\/i0.wp.com\/itayachtscanada.com\/wp-content\/uploads\/2025\/01\/Capture-decran-le-2025-01-24-a-14.48.25.jpg?resize=1024%2C678&amp;ssl=1 1024w, https:\/\/i0.wp.com\/itayachtscanada.com\/wp-content\/uploads\/2025\/01\/Capture-decran-le-2025-01-24-a-14.48.25.jpg?resize=768%2C509&amp;ssl=1 768w, https:\/\/i0.wp.com\/itayachtscanada.com\/wp-content\/uploads\/2025\/01\/Capture-decran-le-2025-01-24-a-14.48.25.jpg?resize=1536%2C1017&amp;ssl=1 1536w, https:\/\/i0.wp.com\/itayachtscanada.com\/wp-content\/uploads\/2025\/01\/Capture-decran-le-2025-01-24-a-14.48.25.jpg?resize=700%2C464&amp;ssl=1 700w, https:\/\/i0.wp.com\/itayachtscanada.com\/wp-content\/uploads\/2025\/01\/Capture-decran-le-2025-01-24-a-14.48.25.jpg?resize=900%2C600&amp;ssl=1 900w, https:\/\/i0.wp.com\/itayachtscanada.com\/wp-content\/uploads\/2025\/01\/Capture-decran-le-2025-01-24-a-14.48.25.jpg?resize=604%2C400&amp;ssl=1 604w, https:\/\/i0.wp.com\/itayachtscanada.com\/wp-content\/uploads\/2025\/01\/Capture-decran-le-2025-01-24-a-14.48.25.jpg?w=1400&amp;ssl=1 1400w\" width=\"229\" height=\"152\" loading=\"lazy\" data-original-width=\"229\" data-original-height=\"152\" itemprop=\"http:\/\/schema.org\/image\" title=\"Capture d\u2019e\u0301cran, le 2025-01-24 a\u0300 14.48.25\" alt=\"Capture d\u2019e\u0301cran, le 2025-01-24 a\u0300 14.48.25\" style=\"width: 229px; height: 152px;\" \/> <\/a> <\/div> <\/div> <!-- close group --> <\/div> <!-- close row --> <div class=\"gallery-row\" style=\"width: 700px; height: 311px;\" data-original-width=\"700\" data-original-height=\"311\" > <div class=\"gallery-group images-2\" style=\"width: 233px; height: 311px;\" data-original-width=\"233\" data-original-height=\"311\" > <div class=\"tiled-gallery-item tiled-gallery-item-small\" itemprop=\"associatedMedia\" itemscope itemtype=\"http:\/\/schema.org\/ImageObject\"> <a href=\"https:\/\/itayachtscanada.com\/fr\/listing\/marlow-53e-2020-2599000-usd-for-sale\/capture-decran-le-2025-01-24-a-14-48-22\/\" border=\"0\" itemprop=\"url\"> <meta itemprop=\"width\" content=\"229\"> <meta itemprop=\"height\" content=\"152\"> <img decoding=\"async\" class=\"\" data-attachment-id=\"201655\" data-orig-file=\"https:\/\/itayachtscanada.com\/wp-content\/uploads\/2025\/01\/Capture-decran-le-2025-01-24-a-14.48.22.jpg\" data-orig-size=\"1546,1024\" data-comments-opened=\"1\" data-image-meta=\"{&quot;aperture&quot;:&quot;0&quot;,&quot;credit&quot;:&quot;&quot;,&quot;camera&quot;:&quot;&quot;,&quot;caption&quot;:&quot;&quot;,&quot;created_timestamp&quot;:&quot;0&quot;,&quot;copyright&quot;:&quot;&quot;,&quot;focal_length&quot;:&quot;0&quot;,&quot;iso&quot;:&quot;0&quot;,&quot;shutter_speed&quot;:&quot;0&quot;,&quot;title&quot;:&quot;&quot;,&quot;orientation&quot;:&quot;0&quot;}\" data-image-title=\"Capture d\u2019e\u0301cran, le 2025-01-24 a\u0300 14.48.22\" data-image-description=\"\" data-medium-file=\"https:\/\/i0.wp.com\/itayachtscanada.com\/wp-content\/uploads\/2025\/01\/Capture-decran-le-2025-01-24-a-14.48.22.jpg?fit=300%2C199&#038;ssl=1\" data-large-file=\"https:\/\/i0.wp.com\/itayachtscanada.com\/wp-content\/uploads\/2025\/01\/Capture-decran-le-2025-01-24-a-14.48.22.jpg?fit=700%2C463&#038;ssl=1\" src=\"https:\/\/i0.wp.com\/itayachtscanada.com\/wp-content\/uploads\/2025\/01\/Capture-decran-le-2025-01-24-a-14.48.22.jpg?w=229&#038;h=152&#038;ssl=1\" srcset=\"https:\/\/i0.wp.com\/itayachtscanada.com\/wp-content\/uploads\/2025\/01\/Capture-decran-le-2025-01-24-a-14.48.22.jpg?w=1546&amp;ssl=1 1546w, https:\/\/i0.wp.com\/itayachtscanada.com\/wp-content\/uploads\/2025\/01\/Capture-decran-le-2025-01-24-a-14.48.22.jpg?resize=300%2C199&amp;ssl=1 300w, https:\/\/i0.wp.com\/itayachtscanada.com\/wp-content\/uploads\/2025\/01\/Capture-decran-le-2025-01-24-a-14.48.22.jpg?resize=1024%2C678&amp;ssl=1 1024w, https:\/\/i0.wp.com\/itayachtscanada.com\/wp-content\/uploads\/2025\/01\/Capture-decran-le-2025-01-24-a-14.48.22.jpg?resize=768%2C509&amp;ssl=1 768w, https:\/\/i0.wp.com\/itayachtscanada.com\/wp-content\/uploads\/2025\/01\/Capture-decran-le-2025-01-24-a-14.48.22.jpg?resize=1536%2C1017&amp;ssl=1 1536w, https:\/\/i0.wp.com\/itayachtscanada.com\/wp-content\/uploads\/2025\/01\/Capture-decran-le-2025-01-24-a-14.48.22.jpg?resize=700%2C464&amp;ssl=1 700w, https:\/\/i0.wp.com\/itayachtscanada.com\/wp-content\/uploads\/2025\/01\/Capture-decran-le-2025-01-24-a-14.48.22.jpg?resize=900%2C600&amp;ssl=1 900w, https:\/\/i0.wp.com\/itayachtscanada.com\/wp-content\/uploads\/2025\/01\/Capture-decran-le-2025-01-24-a-14.48.22.jpg?resize=604%2C400&amp;ssl=1 604w, https:\/\/i0.wp.com\/itayachtscanada.com\/wp-content\/uploads\/2025\/01\/Capture-decran-le-2025-01-24-a-14.48.22.jpg?w=1400&amp;ssl=1 1400w\" width=\"229\" height=\"152\" loading=\"lazy\" data-original-width=\"229\" data-original-height=\"152\" itemprop=\"http:\/\/schema.org\/image\" title=\"Capture d\u2019e\u0301cran, le 2025-01-24 a\u0300 14.48.22\" alt=\"Capture d\u2019e\u0301cran, le 2025-01-24 a\u0300 14.48.22\" style=\"width: 229px; height: 152px;\" \/> <\/a> <\/div> <div class=\"tiled-gallery-item tiled-gallery-item-small\" itemprop=\"associatedMedia\" itemscope itemtype=\"http:\/\/schema.org\/ImageObject\"> <a href=\"https:\/\/itayachtscanada.com\/fr\/listing\/marlow-53e-2020-2599000-usd-for-sale\/capture-decran-le-2025-01-24-a-14-48-17\/\" border=\"0\" itemprop=\"url\"> <meta itemprop=\"width\" content=\"229\"> <meta itemprop=\"height\" content=\"151\"> <img decoding=\"async\" class=\"\" data-attachment-id=\"201656\" data-orig-file=\"https:\/\/itayachtscanada.com\/wp-content\/uploads\/2025\/01\/Capture-decran-le-2025-01-24-a-14.48.17.jpg\" data-orig-size=\"1546,1024\" data-comments-opened=\"1\" data-image-meta=\"{&quot;aperture&quot;:&quot;0&quot;,&quot;credit&quot;:&quot;&quot;,&quot;camera&quot;:&quot;&quot;,&quot;caption&quot;:&quot;&quot;,&quot;created_timestamp&quot;:&quot;0&quot;,&quot;copyright&quot;:&quot;&quot;,&quot;focal_length&quot;:&quot;0&quot;,&quot;iso&quot;:&quot;0&quot;,&quot;shutter_speed&quot;:&quot;0&quot;,&quot;title&quot;:&quot;&quot;,&quot;orientation&quot;:&quot;0&quot;}\" data-image-title=\"Capture d\u2019e\u0301cran, le 2025-01-24 a\u0300 14.48.17\" data-image-description=\"\" data-medium-file=\"https:\/\/i0.wp.com\/itayachtscanada.com\/wp-content\/uploads\/2025\/01\/Capture-decran-le-2025-01-24-a-14.48.17.jpg?fit=300%2C199&#038;ssl=1\" data-large-file=\"https:\/\/i0.wp.com\/itayachtscanada.com\/wp-content\/uploads\/2025\/01\/Capture-decran-le-2025-01-24-a-14.48.17.jpg?fit=700%2C463&#038;ssl=1\" src=\"https:\/\/i0.wp.com\/itayachtscanada.com\/wp-content\/uploads\/2025\/01\/Capture-decran-le-2025-01-24-a-14.48.17.jpg?w=229&#038;h=151&#038;ssl=1\" srcset=\"https:\/\/i0.wp.com\/itayachtscanada.com\/wp-content\/uploads\/2025\/01\/Capture-decran-le-2025-01-24-a-14.48.17.jpg?w=1546&amp;ssl=1 1546w, https:\/\/i0.wp.com\/itayachtscanada.com\/wp-content\/uploads\/2025\/01\/Capture-decran-le-2025-01-24-a-14.48.17.jpg?resize=300%2C199&amp;ssl=1 300w, https:\/\/i0.wp.com\/itayachtscanada.com\/wp-content\/uploads\/2025\/01\/Capture-decran-le-2025-01-24-a-14.48.17.jpg?resize=1024%2C678&amp;ssl=1 1024w, https:\/\/i0.wp.com\/itayachtscanada.com\/wp-content\/uploads\/2025\/01\/Capture-decran-le-2025-01-24-a-14.48.17.jpg?resize=768%2C509&amp;ssl=1 768w, https:\/\/i0.wp.com\/itayachtscanada.com\/wp-content\/uploads\/2025\/01\/Capture-decran-le-2025-01-24-a-14.48.17.jpg?resize=1536%2C1017&amp;ssl=1 1536w, https:\/\/i0.wp.com\/itayachtscanada.com\/wp-content\/uploads\/2025\/01\/Capture-decran-le-2025-01-24-a-14.48.17.jpg?resize=700%2C464&amp;ssl=1 700w, https:\/\/i0.wp.com\/itayachtscanada.com\/wp-content\/uploads\/2025\/01\/Capture-decran-le-2025-01-24-a-14.48.17.jpg?resize=604%2C400&amp;ssl=1 604w, https:\/\/i0.wp.com\/itayachtscanada.com\/wp-content\/uploads\/2025\/01\/Capture-decran-le-2025-01-24-a-14.48.17.jpg?w=1400&amp;ssl=1 1400w\" width=\"229\" height=\"151\" loading=\"lazy\" data-original-width=\"229\" data-original-height=\"151\" itemprop=\"http:\/\/schema.org\/image\" title=\"Capture d\u2019e\u0301cran, le 2025-01-24 a\u0300 14.48.17\" alt=\"Capture d\u2019e\u0301cran, le 2025-01-24 a\u0300 14.48.17\" style=\"width: 229px; height: 151px;\" \/> <\/a> <\/div> <\/div> <!-- close group --> <div class=\"gallery-group images-1\" style=\"width: 467px; height: 311px;\" data-original-width=\"467\" data-original-height=\"311\" > <div class=\"tiled-gallery-item tiled-gallery-item-large\" itemprop=\"associatedMedia\" itemscope itemtype=\"http:\/\/schema.org\/ImageObject\"> <a href=\"https:\/\/itayachtscanada.com\/fr\/listing\/marlow-53e-2020-2599000-usd-for-sale\/capture-decran-le-2025-01-24-a-14-48-12\/\" border=\"0\" itemprop=\"url\"> <meta itemprop=\"width\" content=\"463\"> <meta itemprop=\"height\" content=\"307\"> <img decoding=\"async\" class=\"\" data-attachment-id=\"201657\" data-orig-file=\"https:\/\/itayachtscanada.com\/wp-content\/uploads\/2025\/01\/Capture-decran-le-2025-01-24-a-14.48.12.jpg\" data-orig-size=\"1546,1024\" data-comments-opened=\"1\" data-image-meta=\"{&quot;aperture&quot;:&quot;0&quot;,&quot;credit&quot;:&quot;&quot;,&quot;camera&quot;:&quot;&quot;,&quot;caption&quot;:&quot;&quot;,&quot;created_timestamp&quot;:&quot;0&quot;,&quot;copyright&quot;:&quot;&quot;,&quot;focal_length&quot;:&quot;0&quot;,&quot;iso&quot;:&quot;0&quot;,&quot;shutter_speed&quot;:&quot;0&quot;,&quot;title&quot;:&quot;&quot;,&quot;orientation&quot;:&quot;0&quot;}\" data-image-title=\"Capture d\u2019e\u0301cran, le 2025-01-24 a\u0300 14.48.12\" data-image-description=\"\" data-medium-file=\"https:\/\/i0.wp.com\/itayachtscanada.com\/wp-content\/uploads\/2025\/01\/Capture-decran-le-2025-01-24-a-14.48.12.jpg?fit=300%2C199&#038;ssl=1\" data-large-file=\"https:\/\/i0.wp.com\/itayachtscanada.com\/wp-content\/uploads\/2025\/01\/Capture-decran-le-2025-01-24-a-14.48.12.jpg?fit=700%2C463&#038;ssl=1\" src=\"https:\/\/i0.wp.com\/itayachtscanada.com\/wp-content\/uploads\/2025\/01\/Capture-decran-le-2025-01-24-a-14.48.12.jpg?w=463&#038;h=307&#038;ssl=1\" srcset=\"https:\/\/i0.wp.com\/itayachtscanada.com\/wp-content\/uploads\/2025\/01\/Capture-decran-le-2025-01-24-a-14.48.12.jpg?w=1546&amp;ssl=1 1546w, https:\/\/i0.wp.com\/itayachtscanada.com\/wp-content\/uploads\/2025\/01\/Capture-decran-le-2025-01-24-a-14.48.12.jpg?resize=300%2C199&amp;ssl=1 300w, https:\/\/i0.wp.com\/itayachtscanada.com\/wp-content\/uploads\/2025\/01\/Capture-decran-le-2025-01-24-a-14.48.12.jpg?resize=1024%2C678&amp;ssl=1 1024w, https:\/\/i0.wp.com\/itayachtscanada.com\/wp-content\/uploads\/2025\/01\/Capture-decran-le-2025-01-24-a-14.48.12.jpg?resize=768%2C509&amp;ssl=1 768w, https:\/\/i0.wp.com\/itayachtscanada.com\/wp-content\/uploads\/2025\/01\/Capture-decran-le-2025-01-24-a-14.48.12.jpg?resize=1536%2C1017&amp;ssl=1 1536w, https:\/\/i0.wp.com\/itayachtscanada.com\/wp-content\/uploads\/2025\/01\/Capture-decran-le-2025-01-24-a-14.48.12.jpg?resize=700%2C464&amp;ssl=1 700w, https:\/\/i0.wp.com\/itayachtscanada.com\/wp-content\/uploads\/2025\/01\/Capture-decran-le-2025-01-24-a-14.48.12.jpg?resize=604%2C400&amp;ssl=1 604w, https:\/\/i0.wp.com\/itayachtscanada.com\/wp-content\/uploads\/2025\/01\/Capture-decran-le-2025-01-24-a-14.48.12.jpg?w=1400&amp;ssl=1 1400w\" width=\"463\" height=\"307\" loading=\"lazy\" data-original-width=\"463\" data-original-height=\"307\" itemprop=\"http:\/\/schema.org\/image\" title=\"Capture d\u2019e\u0301cran, le 2025-01-24 a\u0300 14.48.12\" alt=\"Capture d\u2019e\u0301cran, le 2025-01-24 a\u0300 14.48.12\" style=\"width: 463px; height: 307px;\" \/> <\/a> <\/div> <\/div> <!-- close group --> <\/div> <!-- close row --> <div class=\"gallery-row\" style=\"width: 700px; height: 321px;\" data-original-width=\"700\" data-original-height=\"321\" > <div class=\"gallery-group images-2\" style=\"width: 240px; height: 321px;\" data-original-width=\"240\" data-original-height=\"321\" > <div class=\"tiled-gallery-item tiled-gallery-item-small\" itemprop=\"associatedMedia\" itemscope itemtype=\"http:\/\/schema.org\/ImageObject\"> <a href=\"https:\/\/itayachtscanada.com\/fr\/listing\/marlow-53e-2020-2599000-usd-for-sale\/capture-decran-le-2025-01-24-a-14-48-07\/\" border=\"0\" itemprop=\"url\"> <meta itemprop=\"width\" content=\"236\"> <meta itemprop=\"height\" content=\"157\"> <img decoding=\"async\" class=\"\" data-attachment-id=\"201658\" data-orig-file=\"https:\/\/itayachtscanada.com\/wp-content\/uploads\/2025\/01\/Capture-decran-le-2025-01-24-a-14.48.07.jpg\" data-orig-size=\"1546,1024\" data-comments-opened=\"1\" data-image-meta=\"{&quot;aperture&quot;:&quot;0&quot;,&quot;credit&quot;:&quot;&quot;,&quot;camera&quot;:&quot;&quot;,&quot;caption&quot;:&quot;&quot;,&quot;created_timestamp&quot;:&quot;0&quot;,&quot;copyright&quot;:&quot;&quot;,&quot;focal_length&quot;:&quot;0&quot;,&quot;iso&quot;:&quot;0&quot;,&quot;shutter_speed&quot;:&quot;0&quot;,&quot;title&quot;:&quot;&quot;,&quot;orientation&quot;:&quot;0&quot;}\" data-image-title=\"Capture d\u2019e\u0301cran, le 2025-01-24 a\u0300 14.48.07\" data-image-description=\"\" data-medium-file=\"https:\/\/i0.wp.com\/itayachtscanada.com\/wp-content\/uploads\/2025\/01\/Capture-decran-le-2025-01-24-a-14.48.07.jpg?fit=300%2C199&#038;ssl=1\" data-large-file=\"https:\/\/i0.wp.com\/itayachtscanada.com\/wp-content\/uploads\/2025\/01\/Capture-decran-le-2025-01-24-a-14.48.07.jpg?fit=700%2C463&#038;ssl=1\" src=\"https:\/\/i0.wp.com\/itayachtscanada.com\/wp-content\/uploads\/2025\/01\/Capture-decran-le-2025-01-24-a-14.48.07.jpg?w=236&#038;h=157&#038;ssl=1\" srcset=\"https:\/\/i0.wp.com\/itayachtscanada.com\/wp-content\/uploads\/2025\/01\/Capture-decran-le-2025-01-24-a-14.48.07.jpg?w=1546&amp;ssl=1 1546w, https:\/\/i0.wp.com\/itayachtscanada.com\/wp-content\/uploads\/2025\/01\/Capture-decran-le-2025-01-24-a-14.48.07.jpg?resize=300%2C199&amp;ssl=1 300w, https:\/\/i0.wp.com\/itayachtscanada.com\/wp-content\/uploads\/2025\/01\/Capture-decran-le-2025-01-24-a-14.48.07.jpg?resize=1024%2C678&amp;ssl=1 1024w, https:\/\/i0.wp.com\/itayachtscanada.com\/wp-content\/uploads\/2025\/01\/Capture-decran-le-2025-01-24-a-14.48.07.jpg?resize=768%2C509&amp;ssl=1 768w, https:\/\/i0.wp.com\/itayachtscanada.com\/wp-content\/uploads\/2025\/01\/Capture-decran-le-2025-01-24-a-14.48.07.jpg?resize=1536%2C1017&amp;ssl=1 1536w, https:\/\/i0.wp.com\/itayachtscanada.com\/wp-content\/uploads\/2025\/01\/Capture-decran-le-2025-01-24-a-14.48.07.jpg?resize=700%2C464&amp;ssl=1 700w, https:\/\/i0.wp.com\/itayachtscanada.com\/wp-content\/uploads\/2025\/01\/Capture-decran-le-2025-01-24-a-14.48.07.jpg?resize=900%2C600&amp;ssl=1 900w, https:\/\/i0.wp.com\/itayachtscanada.com\/wp-content\/uploads\/2025\/01\/Capture-decran-le-2025-01-24-a-14.48.07.jpg?resize=604%2C400&amp;ssl=1 604w, https:\/\/i0.wp.com\/itayachtscanada.com\/wp-content\/uploads\/2025\/01\/Capture-decran-le-2025-01-24-a-14.48.07.jpg?w=1400&amp;ssl=1 1400w\" width=\"236\" height=\"157\" loading=\"lazy\" data-original-width=\"236\" data-original-height=\"157\" itemprop=\"http:\/\/schema.org\/image\" title=\"Capture d\u2019e\u0301cran, le 2025-01-24 a\u0300 14.48.07\" alt=\"Capture d\u2019e\u0301cran, le 2025-01-24 a\u0300 14.48.07\" style=\"width: 236px; height: 157px;\" \/> <\/a> <\/div> <div class=\"tiled-gallery-item tiled-gallery-item-small\" itemprop=\"associatedMedia\" itemscope itemtype=\"http:\/\/schema.org\/ImageObject\"> <a href=\"https:\/\/itayachtscanada.com\/fr\/listing\/marlow-53e-2020-2599000-usd-for-sale\/capture-decran-le-2025-01-24-a-14-47-57\/\" border=\"0\" itemprop=\"url\"> <meta itemprop=\"width\" content=\"236\"> <meta itemprop=\"height\" content=\"156\"> <img decoding=\"async\" class=\"\" data-attachment-id=\"201659\" data-orig-file=\"https:\/\/itayachtscanada.com\/wp-content\/uploads\/2025\/01\/Capture-decran-le-2025-01-24-a-14.47.57.jpg\" data-orig-size=\"1546,1024\" data-comments-opened=\"1\" data-image-meta=\"{&quot;aperture&quot;:&quot;0&quot;,&quot;credit&quot;:&quot;&quot;,&quot;camera&quot;:&quot;&quot;,&quot;caption&quot;:&quot;&quot;,&quot;created_timestamp&quot;:&quot;0&quot;,&quot;copyright&quot;:&quot;&quot;,&quot;focal_length&quot;:&quot;0&quot;,&quot;iso&quot;:&quot;0&quot;,&quot;shutter_speed&quot;:&quot;0&quot;,&quot;title&quot;:&quot;&quot;,&quot;orientation&quot;:&quot;0&quot;}\" data-image-title=\"Capture d\u2019e\u0301cran, le 2025-01-24 a\u0300 14.47.57\" data-image-description=\"\" data-medium-file=\"https:\/\/i0.wp.com\/itayachtscanada.com\/wp-content\/uploads\/2025\/01\/Capture-decran-le-2025-01-24-a-14.47.57.jpg?fit=300%2C199&#038;ssl=1\" data-large-file=\"https:\/\/i0.wp.com\/itayachtscanada.com\/wp-content\/uploads\/2025\/01\/Capture-decran-le-2025-01-24-a-14.47.57.jpg?fit=700%2C463&#038;ssl=1\" src=\"https:\/\/i0.wp.com\/itayachtscanada.com\/wp-content\/uploads\/2025\/01\/Capture-decran-le-2025-01-24-a-14.47.57.jpg?w=236&#038;h=156&#038;ssl=1\" srcset=\"https:\/\/i0.wp.com\/itayachtscanada.com\/wp-content\/uploads\/2025\/01\/Capture-decran-le-2025-01-24-a-14.47.57.jpg?w=1546&amp;ssl=1 1546w, https:\/\/i0.wp.com\/itayachtscanada.com\/wp-content\/uploads\/2025\/01\/Capture-decran-le-2025-01-24-a-14.47.57.jpg?resize=300%2C199&amp;ssl=1 300w, https:\/\/i0.wp.com\/itayachtscanada.com\/wp-content\/uploads\/2025\/01\/Capture-decran-le-2025-01-24-a-14.47.57.jpg?resize=1024%2C678&amp;ssl=1 1024w, https:\/\/i0.wp.com\/itayachtscanada.com\/wp-content\/uploads\/2025\/01\/Capture-decran-le-2025-01-24-a-14.47.57.jpg?resize=768%2C509&amp;ssl=1 768w, https:\/\/i0.wp.com\/itayachtscanada.com\/wp-content\/uploads\/2025\/01\/Capture-decran-le-2025-01-24-a-14.47.57.jpg?resize=1536%2C1017&amp;ssl=1 1536w, https:\/\/i0.wp.com\/itayachtscanada.com\/wp-content\/uploads\/2025\/01\/Capture-decran-le-2025-01-24-a-14.47.57.jpg?resize=700%2C464&amp;ssl=1 700w, https:\/\/i0.wp.com\/itayachtscanada.com\/wp-content\/uploads\/2025\/01\/Capture-decran-le-2025-01-24-a-14.47.57.jpg?resize=900%2C600&amp;ssl=1 900w, https:\/\/i0.wp.com\/itayachtscanada.com\/wp-content\/uploads\/2025\/01\/Capture-decran-le-2025-01-24-a-14.47.57.jpg?resize=604%2C400&amp;ssl=1 604w, https:\/\/i0.wp.com\/itayachtscanada.com\/wp-content\/uploads\/2025\/01\/Capture-decran-le-2025-01-24-a-14.47.57.jpg?w=1400&amp;ssl=1 1400w\" width=\"236\" height=\"156\" loading=\"lazy\" data-original-width=\"236\" data-original-height=\"156\" itemprop=\"http:\/\/schema.org\/image\" title=\"Capture d\u2019e\u0301cran, le 2025-01-24 a\u0300 14.47.57\" alt=\"Capture d\u2019e\u0301cran, le 2025-01-24 a\u0300 14.47.57\" style=\"width: 236px; height: 156px;\" \/> <\/a> <\/div> <\/div> <!-- close group --> <div class=\"gallery-group images-1\" style=\"width: 219px; height: 321px;\" data-original-width=\"219\" data-original-height=\"321\" > <div class=\"tiled-gallery-item tiled-gallery-item-small\" itemprop=\"associatedMedia\" itemscope itemtype=\"http:\/\/schema.org\/ImageObject\"> <a href=\"https:\/\/itayachtscanada.com\/fr\/listing\/marlow-53e-2020-2599000-usd-for-sale\/capture-decran-le-2025-01-24-a-14-47-49\/\" border=\"0\" itemprop=\"url\"> <meta itemprop=\"width\" content=\"215\"> <meta itemprop=\"height\" content=\"317\"> <img decoding=\"async\" class=\"\" data-attachment-id=\"201660\" data-orig-file=\"https:\/\/itayachtscanada.com\/wp-content\/uploads\/2025\/01\/Capture-decran-le-2025-01-24-a-14.47.49.jpg\" data-orig-size=\"694,1024\" data-comments-opened=\"1\" data-image-meta=\"{&quot;aperture&quot;:&quot;0&quot;,&quot;credit&quot;:&quot;&quot;,&quot;camera&quot;:&quot;&quot;,&quot;caption&quot;:&quot;&quot;,&quot;created_timestamp&quot;:&quot;0&quot;,&quot;copyright&quot;:&quot;&quot;,&quot;focal_length&quot;:&quot;0&quot;,&quot;iso&quot;:&quot;0&quot;,&quot;shutter_speed&quot;:&quot;0&quot;,&quot;title&quot;:&quot;&quot;,&quot;orientation&quot;:&quot;0&quot;}\" data-image-title=\"Capture d\u2019e\u0301cran, le 2025-01-24 a\u0300 14.47.49\" data-image-description=\"\" data-medium-file=\"https:\/\/i0.wp.com\/itayachtscanada.com\/wp-content\/uploads\/2025\/01\/Capture-decran-le-2025-01-24-a-14.47.49.jpg?fit=203%2C300&#038;ssl=1\" data-large-file=\"https:\/\/i0.wp.com\/itayachtscanada.com\/wp-content\/uploads\/2025\/01\/Capture-decran-le-2025-01-24-a-14.47.49.jpg?fit=694%2C1024&#038;ssl=1\" src=\"https:\/\/i0.wp.com\/itayachtscanada.com\/wp-content\/uploads\/2025\/01\/Capture-decran-le-2025-01-24-a-14.47.49.jpg?w=215&#038;h=317&#038;ssl=1\" srcset=\"https:\/\/i0.wp.com\/itayachtscanada.com\/wp-content\/uploads\/2025\/01\/Capture-decran-le-2025-01-24-a-14.47.49.jpg?w=694&amp;ssl=1 694w, https:\/\/i0.wp.com\/itayachtscanada.com\/wp-content\/uploads\/2025\/01\/Capture-decran-le-2025-01-24-a-14.47.49.jpg?resize=203%2C300&amp;ssl=1 203w, https:\/\/i0.wp.com\/itayachtscanada.com\/wp-content\/uploads\/2025\/01\/Capture-decran-le-2025-01-24-a-14.47.49.jpg?resize=271%2C400&amp;ssl=1 271w\" width=\"215\" height=\"317\" loading=\"lazy\" data-original-width=\"215\" data-original-height=\"317\" itemprop=\"http:\/\/schema.org\/image\" title=\"Capture d\u2019e\u0301cran, le 2025-01-24 a\u0300 14.47.49\" alt=\"Capture d\u2019e\u0301cran, le 2025-01-24 a\u0300 14.47.49\" style=\"width: 215px; height: 317px;\" \/> <\/a> <\/div> <\/div> <!-- close group --> <div class=\"gallery-group images-2\" style=\"width: 241px; height: 321px;\" data-original-width=\"241\" data-original-height=\"321\" > <div class=\"tiled-gallery-item tiled-gallery-item-small\" itemprop=\"associatedMedia\" itemscope itemtype=\"http:\/\/schema.org\/ImageObject\"> <a href=\"https:\/\/itayachtscanada.com\/fr\/listing\/marlow-53e-2020-2599000-usd-for-sale\/capture-decran-le-2025-01-24-a-14-47-45\/\" border=\"0\" itemprop=\"url\"> <meta itemprop=\"width\" content=\"237\"> <meta itemprop=\"height\" content=\"157\"> <img decoding=\"async\" class=\"\" data-attachment-id=\"201661\" data-orig-file=\"https:\/\/itayachtscanada.com\/wp-content\/uploads\/2025\/01\/Capture-decran-le-2025-01-24-a-14.47.45.jpg\" data-orig-size=\"1550,1024\" data-comments-opened=\"1\" data-image-meta=\"{&quot;aperture&quot;:&quot;0&quot;,&quot;credit&quot;:&quot;&quot;,&quot;camera&quot;:&quot;&quot;,&quot;caption&quot;:&quot;&quot;,&quot;created_timestamp&quot;:&quot;0&quot;,&quot;copyright&quot;:&quot;&quot;,&quot;focal_length&quot;:&quot;0&quot;,&quot;iso&quot;:&quot;0&quot;,&quot;shutter_speed&quot;:&quot;0&quot;,&quot;title&quot;:&quot;&quot;,&quot;orientation&quot;:&quot;0&quot;}\" data-image-title=\"Capture d\u2019e\u0301cran, le 2025-01-24 a\u0300 14.47.45\" data-image-description=\"\" data-medium-file=\"https:\/\/i0.wp.com\/itayachtscanada.com\/wp-content\/uploads\/2025\/01\/Capture-decran-le-2025-01-24-a-14.47.45.jpg?fit=300%2C198&#038;ssl=1\" data-large-file=\"https:\/\/i0.wp.com\/itayachtscanada.com\/wp-content\/uploads\/2025\/01\/Capture-decran-le-2025-01-24-a-14.47.45.jpg?fit=700%2C463&#038;ssl=1\" src=\"https:\/\/i0.wp.com\/itayachtscanada.com\/wp-content\/uploads\/2025\/01\/Capture-decran-le-2025-01-24-a-14.47.45.jpg?w=237&#038;h=157&#038;ssl=1\" srcset=\"https:\/\/i0.wp.com\/itayachtscanada.com\/wp-content\/uploads\/2025\/01\/Capture-decran-le-2025-01-24-a-14.47.45.jpg?w=1550&amp;ssl=1 1550w, https:\/\/i0.wp.com\/itayachtscanada.com\/wp-content\/uploads\/2025\/01\/Capture-decran-le-2025-01-24-a-14.47.45.jpg?resize=300%2C198&amp;ssl=1 300w, https:\/\/i0.wp.com\/itayachtscanada.com\/wp-content\/uploads\/2025\/01\/Capture-decran-le-2025-01-24-a-14.47.45.jpg?resize=1024%2C677&amp;ssl=1 1024w, https:\/\/i0.wp.com\/itayachtscanada.com\/wp-content\/uploads\/2025\/01\/Capture-decran-le-2025-01-24-a-14.47.45.jpg?resize=768%2C507&amp;ssl=1 768w, https:\/\/i0.wp.com\/itayachtscanada.com\/wp-content\/uploads\/2025\/01\/Capture-decran-le-2025-01-24-a-14.47.45.jpg?resize=1536%2C1015&amp;ssl=1 1536w, https:\/\/i0.wp.com\/itayachtscanada.com\/wp-content\/uploads\/2025\/01\/Capture-decran-le-2025-01-24-a-14.47.45.jpg?resize=700%2C462&amp;ssl=1 700w, https:\/\/i0.wp.com\/itayachtscanada.com\/wp-content\/uploads\/2025\/01\/Capture-decran-le-2025-01-24-a-14.47.45.jpg?resize=900%2C600&amp;ssl=1 900w, https:\/\/i0.wp.com\/itayachtscanada.com\/wp-content\/uploads\/2025\/01\/Capture-decran-le-2025-01-24-a-14.47.45.jpg?resize=605%2C400&amp;ssl=1 605w, https:\/\/i0.wp.com\/itayachtscanada.com\/wp-content\/uploads\/2025\/01\/Capture-decran-le-2025-01-24-a-14.47.45.jpg?w=1400&amp;ssl=1 1400w\" width=\"237\" height=\"157\" loading=\"lazy\" data-original-width=\"237\" data-original-height=\"157\" itemprop=\"http:\/\/schema.org\/image\" title=\"Capture d\u2019e\u0301cran, le 2025-01-24 a\u0300 14.47.45\" alt=\"Capture d\u2019e\u0301cran, le 2025-01-24 a\u0300 14.47.45\" style=\"width: 237px; height: 157px;\" \/> <\/a> <\/div> <div class=\"tiled-gallery-item tiled-gallery-item-small\" itemprop=\"associatedMedia\" itemscope itemtype=\"http:\/\/schema.org\/ImageObject\"> <a href=\"https:\/\/itayachtscanada.com\/fr\/listing\/marlow-53e-2020-2599000-usd-for-sale\/capture-decran-le-2025-01-24-a-14-47-42\/\" border=\"0\" itemprop=\"url\"> <meta itemprop=\"width\" content=\"237\"> <meta itemprop=\"height\" content=\"156\"> <img decoding=\"async\" class=\"\" data-attachment-id=\"201662\" data-orig-file=\"https:\/\/itayachtscanada.com\/wp-content\/uploads\/2025\/01\/Capture-decran-le-2025-01-24-a-14.47.42.jpg\" data-orig-size=\"1550,1024\" data-comments-opened=\"1\" data-image-meta=\"{&quot;aperture&quot;:&quot;0&quot;,&quot;credit&quot;:&quot;&quot;,&quot;camera&quot;:&quot;&quot;,&quot;caption&quot;:&quot;&quot;,&quot;created_timestamp&quot;:&quot;0&quot;,&quot;copyright&quot;:&quot;&quot;,&quot;focal_length&quot;:&quot;0&quot;,&quot;iso&quot;:&quot;0&quot;,&quot;shutter_speed&quot;:&quot;0&quot;,&quot;title&quot;:&quot;&quot;,&quot;orientation&quot;:&quot;0&quot;}\" data-image-title=\"Capture d\u2019e\u0301cran, le 2025-01-24 a\u0300 14.47.42\" data-image-description=\"\" data-medium-file=\"https:\/\/i0.wp.com\/itayachtscanada.com\/wp-content\/uploads\/2025\/01\/Capture-decran-le-2025-01-24-a-14.47.42.jpg?fit=300%2C198&#038;ssl=1\" data-large-file=\"https:\/\/i0.wp.com\/itayachtscanada.com\/wp-content\/uploads\/2025\/01\/Capture-decran-le-2025-01-24-a-14.47.42.jpg?fit=700%2C463&#038;ssl=1\" src=\"https:\/\/i0.wp.com\/itayachtscanada.com\/wp-content\/uploads\/2025\/01\/Capture-decran-le-2025-01-24-a-14.47.42.jpg?w=237&#038;h=156&#038;ssl=1\" srcset=\"https:\/\/i0.wp.com\/itayachtscanada.com\/wp-content\/uploads\/2025\/01\/Capture-decran-le-2025-01-24-a-14.47.42.jpg?w=1550&amp;ssl=1 1550w, https:\/\/i0.wp.com\/itayachtscanada.com\/wp-content\/uploads\/2025\/01\/Capture-decran-le-2025-01-24-a-14.47.42.jpg?resize=300%2C198&amp;ssl=1 300w, https:\/\/i0.wp.com\/itayachtscanada.com\/wp-content\/uploads\/2025\/01\/Capture-decran-le-2025-01-24-a-14.47.42.jpg?resize=1024%2C677&amp;ssl=1 1024w, https:\/\/i0.wp.com\/itayachtscanada.com\/wp-content\/uploads\/2025\/01\/Capture-decran-le-2025-01-24-a-14.47.42.jpg?resize=768%2C507&amp;ssl=1 768w, https:\/\/i0.wp.com\/itayachtscanada.com\/wp-content\/uploads\/2025\/01\/Capture-decran-le-2025-01-24-a-14.47.42.jpg?resize=1536%2C1015&amp;ssl=1 1536w, https:\/\/i0.wp.com\/itayachtscanada.com\/wp-content\/uploads\/2025\/01\/Capture-decran-le-2025-01-24-a-14.47.42.jpg?resize=700%2C462&amp;ssl=1 700w, https:\/\/i0.wp.com\/itayachtscanada.com\/wp-content\/uploads\/2025\/01\/Capture-decran-le-2025-01-24-a-14.47.42.jpg?resize=605%2C400&amp;ssl=1 605w, https:\/\/i0.wp.com\/itayachtscanada.com\/wp-content\/uploads\/2025\/01\/Capture-decran-le-2025-01-24-a-14.47.42.jpg?w=1400&amp;ssl=1 1400w\" width=\"237\" height=\"156\" loading=\"lazy\" data-original-width=\"237\" data-original-height=\"156\" itemprop=\"http:\/\/schema.org\/image\" title=\"Capture d\u2019e\u0301cran, le 2025-01-24 a\u0300 14.47.42\" alt=\"Capture d\u2019e\u0301cran, le 2025-01-24 a\u0300 14.47.42\" style=\"width: 237px; height: 156px;\" \/> <\/a> <\/div> <\/div> <!-- close group --> <\/div> <!-- close row --> <div class=\"gallery-row\" style=\"width: 700px; height: 593px;\" data-original-width=\"700\" data-original-height=\"593\" > <div class=\"gallery-group images-3\" style=\"width: 297px; height: 593px;\" data-original-width=\"297\" data-original-height=\"593\" > <div class=\"tiled-gallery-item tiled-gallery-item-large\" itemprop=\"associatedMedia\" itemscope itemtype=\"http:\/\/schema.org\/ImageObject\"> <a href=\"https:\/\/itayachtscanada.com\/fr\/listing\/marlow-53e-2020-2599000-usd-for-sale\/capture-decran-le-2025-01-24-a-14-47-38\/\" border=\"0\" itemprop=\"url\"> <meta itemprop=\"width\" content=\"293\"> <meta itemprop=\"height\" content=\"194\"> <img decoding=\"async\" class=\"\" data-attachment-id=\"201663\" data-orig-file=\"https:\/\/itayachtscanada.com\/wp-content\/uploads\/2025\/01\/Capture-decran-le-2025-01-24-a-14.47.38.jpg\" data-orig-size=\"1550,1024\" data-comments-opened=\"1\" data-image-meta=\"{&quot;aperture&quot;:&quot;0&quot;,&quot;credit&quot;:&quot;&quot;,&quot;camera&quot;:&quot;&quot;,&quot;caption&quot;:&quot;&quot;,&quot;created_timestamp&quot;:&quot;0&quot;,&quot;copyright&quot;:&quot;&quot;,&quot;focal_length&quot;:&quot;0&quot;,&quot;iso&quot;:&quot;0&quot;,&quot;shutter_speed&quot;:&quot;0&quot;,&quot;title&quot;:&quot;&quot;,&quot;orientation&quot;:&quot;0&quot;}\" data-image-title=\"Capture d\u2019e\u0301cran, le 2025-01-24 a\u0300 14.47.38\" data-image-description=\"\" data-medium-file=\"https:\/\/i0.wp.com\/itayachtscanada.com\/wp-content\/uploads\/2025\/01\/Capture-decran-le-2025-01-24-a-14.47.38.jpg?fit=300%2C198&#038;ssl=1\" data-large-file=\"https:\/\/i0.wp.com\/itayachtscanada.com\/wp-content\/uploads\/2025\/01\/Capture-decran-le-2025-01-24-a-14.47.38.jpg?fit=700%2C463&#038;ssl=1\" src=\"https:\/\/i0.wp.com\/itayachtscanada.com\/wp-content\/uploads\/2025\/01\/Capture-decran-le-2025-01-24-a-14.47.38.jpg?w=293&#038;h=194&#038;ssl=1\" srcset=\"https:\/\/i0.wp.com\/itayachtscanada.com\/wp-content\/uploads\/2025\/01\/Capture-decran-le-2025-01-24-a-14.47.38.jpg?w=1550&amp;ssl=1 1550w, https:\/\/i0.wp.com\/itayachtscanada.com\/wp-content\/uploads\/2025\/01\/Capture-decran-le-2025-01-24-a-14.47.38.jpg?resize=300%2C198&amp;ssl=1 300w, https:\/\/i0.wp.com\/itayachtscanada.com\/wp-content\/uploads\/2025\/01\/Capture-decran-le-2025-01-24-a-14.47.38.jpg?resize=1024%2C677&amp;ssl=1 1024w, https:\/\/i0.wp.com\/itayachtscanada.com\/wp-content\/uploads\/2025\/01\/Capture-decran-le-2025-01-24-a-14.47.38.jpg?resize=768%2C507&amp;ssl=1 768w, https:\/\/i0.wp.com\/itayachtscanada.com\/wp-content\/uploads\/2025\/01\/Capture-decran-le-2025-01-24-a-14.47.38.jpg?resize=1536%2C1015&amp;ssl=1 1536w, https:\/\/i0.wp.com\/itayachtscanada.com\/wp-content\/uploads\/2025\/01\/Capture-decran-le-2025-01-24-a-14.47.38.jpg?resize=700%2C462&amp;ssl=1 700w, https:\/\/i0.wp.com\/itayachtscanada.com\/wp-content\/uploads\/2025\/01\/Capture-decran-le-2025-01-24-a-14.47.38.jpg?resize=900%2C600&amp;ssl=1 900w, https:\/\/i0.wp.com\/itayachtscanada.com\/wp-content\/uploads\/2025\/01\/Capture-decran-le-2025-01-24-a-14.47.38.jpg?resize=605%2C400&amp;ssl=1 605w, https:\/\/i0.wp.com\/itayachtscanada.com\/wp-content\/uploads\/2025\/01\/Capture-decran-le-2025-01-24-a-14.47.38.jpg?w=1400&amp;ssl=1 1400w\" width=\"293\" height=\"194\" loading=\"lazy\" data-original-width=\"293\" data-original-height=\"194\" itemprop=\"http:\/\/schema.org\/image\" title=\"Capture d\u2019e\u0301cran, le 2025-01-24 a\u0300 14.47.38\" alt=\"Capture d\u2019e\u0301cran, le 2025-01-24 a\u0300 14.47.38\" style=\"width: 293px; height: 194px;\" \/> <\/a> <\/div> <div class=\"tiled-gallery-item tiled-gallery-item-large\" itemprop=\"associatedMedia\" itemscope itemtype=\"http:\/\/schema.org\/ImageObject\"> <a href=\"https:\/\/itayachtscanada.com\/fr\/listing\/marlow-53e-2020-2599000-usd-for-sale\/capture-decran-le-2025-01-24-a-14-47-33\/\" border=\"0\" itemprop=\"url\"> <meta itemprop=\"width\" content=\"293\"> <meta itemprop=\"height\" content=\"194\"> <img decoding=\"async\" class=\"\" data-attachment-id=\"201664\" data-orig-file=\"https:\/\/itayachtscanada.com\/wp-content\/uploads\/2025\/01\/Capture-decran-le-2025-01-24-a-14.47.33.jpg\" data-orig-size=\"1550,1024\" data-comments-opened=\"1\" data-image-meta=\"{&quot;aperture&quot;:&quot;0&quot;,&quot;credit&quot;:&quot;&quot;,&quot;camera&quot;:&quot;&quot;,&quot;caption&quot;:&quot;&quot;,&quot;created_timestamp&quot;:&quot;0&quot;,&quot;copyright&quot;:&quot;&quot;,&quot;focal_length&quot;:&quot;0&quot;,&quot;iso&quot;:&quot;0&quot;,&quot;shutter_speed&quot;:&quot;0&quot;,&quot;title&quot;:&quot;&quot;,&quot;orientation&quot;:&quot;0&quot;}\" data-image-title=\"Capture d\u2019e\u0301cran, le 2025-01-24 a\u0300 14.47.33\" data-image-description=\"\" data-medium-file=\"https:\/\/i0.wp.com\/itayachtscanada.com\/wp-content\/uploads\/2025\/01\/Capture-decran-le-2025-01-24-a-14.47.33.jpg?fit=300%2C198&#038;ssl=1\" data-large-file=\"https:\/\/i0.wp.com\/itayachtscanada.com\/wp-content\/uploads\/2025\/01\/Capture-decran-le-2025-01-24-a-14.47.33.jpg?fit=700%2C463&#038;ssl=1\" src=\"https:\/\/i0.wp.com\/itayachtscanada.com\/wp-content\/uploads\/2025\/01\/Capture-decran-le-2025-01-24-a-14.47.33.jpg?w=293&#038;h=194&#038;ssl=1\" srcset=\"https:\/\/i0.wp.com\/itayachtscanada.com\/wp-content\/uploads\/2025\/01\/Capture-decran-le-2025-01-24-a-14.47.33.jpg?w=1550&amp;ssl=1 1550w, https:\/\/i0.wp.com\/itayachtscanada.com\/wp-content\/uploads\/2025\/01\/Capture-decran-le-2025-01-24-a-14.47.33.jpg?resize=300%2C198&amp;ssl=1 300w, https:\/\/i0.wp.com\/itayachtscanada.com\/wp-content\/uploads\/2025\/01\/Capture-decran-le-2025-01-24-a-14.47.33.jpg?resize=1024%2C677&amp;ssl=1 1024w, https:\/\/i0.wp.com\/itayachtscanada.com\/wp-content\/uploads\/2025\/01\/Capture-decran-le-2025-01-24-a-14.47.33.jpg?resize=768%2C507&amp;ssl=1 768w, https:\/\/i0.wp.com\/itayachtscanada.com\/wp-content\/uploads\/2025\/01\/Capture-decran-le-2025-01-24-a-14.47.33.jpg?resize=1536%2C1015&amp;ssl=1 1536w, https:\/\/i0.wp.com\/itayachtscanada.com\/wp-content\/uploads\/2025\/01\/Capture-decran-le-2025-01-24-a-14.47.33.jpg?resize=700%2C462&amp;ssl=1 700w, https:\/\/i0.wp.com\/itayachtscanada.com\/wp-content\/uploads\/2025\/01\/Capture-decran-le-2025-01-24-a-14.47.33.jpg?resize=900%2C600&amp;ssl=1 900w, https:\/\/i0.wp.com\/itayachtscanada.com\/wp-content\/uploads\/2025\/01\/Capture-decran-le-2025-01-24-a-14.47.33.jpg?resize=605%2C400&amp;ssl=1 605w, https:\/\/i0.wp.com\/itayachtscanada.com\/wp-content\/uploads\/2025\/01\/Capture-decran-le-2025-01-24-a-14.47.33.jpg?w=1400&amp;ssl=1 1400w\" width=\"293\" height=\"194\" loading=\"lazy\" data-original-width=\"293\" data-original-height=\"194\" itemprop=\"http:\/\/schema.org\/image\" title=\"Capture d\u2019e\u0301cran, le 2025-01-24 a\u0300 14.47.33\" alt=\"Capture d\u2019e\u0301cran, le 2025-01-24 a\u0300 14.47.33\" style=\"width: 293px; height: 194px;\" \/> <\/a> <\/div> <div class=\"tiled-gallery-item tiled-gallery-item-large\" itemprop=\"associatedMedia\" itemscope itemtype=\"http:\/\/schema.org\/ImageObject\"> <a href=\"https:\/\/itayachtscanada.com\/fr\/listing\/marlow-53e-2020-2599000-usd-for-sale\/capture-decran-le-2025-01-24-a-14-47-16\/\" border=\"0\" itemprop=\"url\"> <meta itemprop=\"width\" content=\"293\"> <meta itemprop=\"height\" content=\"193\"> <img decoding=\"async\" class=\"\" data-attachment-id=\"201665\" data-orig-file=\"https:\/\/itayachtscanada.com\/wp-content\/uploads\/2025\/01\/Capture-decran-le-2025-01-24-a-14.47.16.jpg\" data-orig-size=\"1550,1024\" data-comments-opened=\"1\" data-image-meta=\"{&quot;aperture&quot;:&quot;0&quot;,&quot;credit&quot;:&quot;&quot;,&quot;camera&quot;:&quot;&quot;,&quot;caption&quot;:&quot;&quot;,&quot;created_timestamp&quot;:&quot;0&quot;,&quot;copyright&quot;:&quot;&quot;,&quot;focal_length&quot;:&quot;0&quot;,&quot;iso&quot;:&quot;0&quot;,&quot;shutter_speed&quot;:&quot;0&quot;,&quot;title&quot;:&quot;&quot;,&quot;orientation&quot;:&quot;0&quot;}\" data-image-title=\"Capture d\u2019e\u0301cran, le 2025-01-24 a\u0300 14.47.16\" data-image-description=\"\" data-medium-file=\"https:\/\/i0.wp.com\/itayachtscanada.com\/wp-content\/uploads\/2025\/01\/Capture-decran-le-2025-01-24-a-14.47.16.jpg?fit=300%2C198&#038;ssl=1\" data-large-file=\"https:\/\/i0.wp.com\/itayachtscanada.com\/wp-content\/uploads\/2025\/01\/Capture-decran-le-2025-01-24-a-14.47.16.jpg?fit=700%2C463&#038;ssl=1\" src=\"https:\/\/i0.wp.com\/itayachtscanada.com\/wp-content\/uploads\/2025\/01\/Capture-decran-le-2025-01-24-a-14.47.16.jpg?w=293&#038;h=193&#038;ssl=1\" srcset=\"https:\/\/i0.wp.com\/itayachtscanada.com\/wp-content\/uploads\/2025\/01\/Capture-decran-le-2025-01-24-a-14.47.16.jpg?w=1550&amp;ssl=1 1550w, https:\/\/i0.wp.com\/itayachtscanada.com\/wp-content\/uploads\/2025\/01\/Capture-decran-le-2025-01-24-a-14.47.16.jpg?resize=300%2C198&amp;ssl=1 300w, https:\/\/i0.wp.com\/itayachtscanada.com\/wp-content\/uploads\/2025\/01\/Capture-decran-le-2025-01-24-a-14.47.16.jpg?resize=1024%2C677&amp;ssl=1 1024w, https:\/\/i0.wp.com\/itayachtscanada.com\/wp-content\/uploads\/2025\/01\/Capture-decran-le-2025-01-24-a-14.47.16.jpg?resize=768%2C507&amp;ssl=1 768w, https:\/\/i0.wp.com\/itayachtscanada.com\/wp-content\/uploads\/2025\/01\/Capture-decran-le-2025-01-24-a-14.47.16.jpg?resize=1536%2C1015&amp;ssl=1 1536w, https:\/\/i0.wp.com\/itayachtscanada.com\/wp-content\/uploads\/2025\/01\/Capture-decran-le-2025-01-24-a-14.47.16.jpg?resize=700%2C462&amp;ssl=1 700w, https:\/\/i0.wp.com\/itayachtscanada.com\/wp-content\/uploads\/2025\/01\/Capture-decran-le-2025-01-24-a-14.47.16.jpg?resize=605%2C400&amp;ssl=1 605w, https:\/\/i0.wp.com\/itayachtscanada.com\/wp-content\/uploads\/2025\/01\/Capture-decran-le-2025-01-24-a-14.47.16.jpg?w=1400&amp;ssl=1 1400w\" width=\"293\" height=\"193\" loading=\"lazy\" data-original-width=\"293\" data-original-height=\"193\" itemprop=\"http:\/\/schema.org\/image\" title=\"Capture d\u2019e\u0301cran, le 2025-01-24 a\u0300 14.47.16\" alt=\"Capture d\u2019e\u0301cran, le 2025-01-24 a\u0300 14.47.16\" style=\"width: 293px; height: 193px;\" \/> <\/a> <\/div> <\/div> <!-- close group --> <div class=\"gallery-group images-1\" style=\"width: 403px; height: 593px;\" data-original-width=\"403\" data-original-height=\"593\" > <div class=\"tiled-gallery-item tiled-gallery-item-large\" itemprop=\"associatedMedia\" itemscope itemtype=\"http:\/\/schema.org\/ImageObject\"> <a href=\"https:\/\/itayachtscanada.com\/fr\/listing\/marlow-53e-2020-2599000-usd-for-sale\/capture-decran-le-2025-01-24-a-14-47-12\/\" border=\"0\" itemprop=\"url\"> <meta itemprop=\"width\" content=\"399\"> <meta itemprop=\"height\" content=\"589\"> <img decoding=\"async\" class=\"\" data-attachment-id=\"201666\" data-orig-file=\"https:\/\/itayachtscanada.com\/wp-content\/uploads\/2025\/01\/Capture-decran-le-2025-01-24-a-14.47.12.jpg\" data-orig-size=\"694,1024\" data-comments-opened=\"1\" data-image-meta=\"{&quot;aperture&quot;:&quot;0&quot;,&quot;credit&quot;:&quot;&quot;,&quot;camera&quot;:&quot;&quot;,&quot;caption&quot;:&quot;&quot;,&quot;created_timestamp&quot;:&quot;0&quot;,&quot;copyright&quot;:&quot;&quot;,&quot;focal_length&quot;:&quot;0&quot;,&quot;iso&quot;:&quot;0&quot;,&quot;shutter_speed&quot;:&quot;0&quot;,&quot;title&quot;:&quot;&quot;,&quot;orientation&quot;:&quot;0&quot;}\" data-image-title=\"Capture d\u2019e\u0301cran, le 2025-01-24 a\u0300 14.47.12\" data-image-description=\"\" data-medium-file=\"https:\/\/i0.wp.com\/itayachtscanada.com\/wp-content\/uploads\/2025\/01\/Capture-decran-le-2025-01-24-a-14.47.12.jpg?fit=203%2C300&#038;ssl=1\" data-large-file=\"https:\/\/i0.wp.com\/itayachtscanada.com\/wp-content\/uploads\/2025\/01\/Capture-decran-le-2025-01-24-a-14.47.12.jpg?fit=694%2C1024&#038;ssl=1\" src=\"https:\/\/i0.wp.com\/itayachtscanada.com\/wp-content\/uploads\/2025\/01\/Capture-decran-le-2025-01-24-a-14.47.12.jpg?w=399&#038;h=589&#038;ssl=1\" srcset=\"https:\/\/i0.wp.com\/itayachtscanada.com\/wp-content\/uploads\/2025\/01\/Capture-decran-le-2025-01-24-a-14.47.12.jpg?w=694&amp;ssl=1 694w, https:\/\/i0.wp.com\/itayachtscanada.com\/wp-content\/uploads\/2025\/01\/Capture-decran-le-2025-01-24-a-14.47.12.jpg?resize=203%2C300&amp;ssl=1 203w, https:\/\/i0.wp.com\/itayachtscanada.com\/wp-content\/uploads\/2025\/01\/Capture-decran-le-2025-01-24-a-14.47.12.jpg?resize=271%2C400&amp;ssl=1 271w\" width=\"399\" height=\"589\" loading=\"lazy\" data-original-width=\"399\" data-original-height=\"589\" itemprop=\"http:\/\/schema.org\/image\" title=\"Capture d\u2019e\u0301cran, le 2025-01-24 a\u0300 14.47.12\" alt=\"Capture d\u2019e\u0301cran, le 2025-01-24 a\u0300 14.47.12\" style=\"width: 399px; height: 589px;\" \/> <\/a> <\/div> <\/div> <!-- close group --> <\/div> <!-- close row --> <div class=\"gallery-row\" style=\"width: 700px; height: 515px;\" data-original-width=\"700\" data-original-height=\"515\" > <div class=\"gallery-group images-1\" style=\"width: 350px; height: 515px;\" data-original-width=\"350\" data-original-height=\"515\" > <div class=\"tiled-gallery-item tiled-gallery-item-large\" itemprop=\"associatedMedia\" itemscope itemtype=\"http:\/\/schema.org\/ImageObject\"> <a href=\"https:\/\/itayachtscanada.com\/fr\/listing\/marlow-53e-2020-2599000-usd-for-sale\/capture-decran-le-2025-01-24-a-14-47-08\/\" border=\"0\" itemprop=\"url\"> <meta itemprop=\"width\" content=\"346\"> <meta itemprop=\"height\" content=\"511\"> <img decoding=\"async\" class=\"\" data-attachment-id=\"201667\" data-orig-file=\"https:\/\/itayachtscanada.com\/wp-content\/uploads\/2025\/01\/Capture-decran-le-2025-01-24-a-14.47.08.jpg\" data-orig-size=\"694,1024\" data-comments-opened=\"1\" data-image-meta=\"{&quot;aperture&quot;:&quot;0&quot;,&quot;credit&quot;:&quot;&quot;,&quot;camera&quot;:&quot;&quot;,&quot;caption&quot;:&quot;&quot;,&quot;created_timestamp&quot;:&quot;0&quot;,&quot;copyright&quot;:&quot;&quot;,&quot;focal_length&quot;:&quot;0&quot;,&quot;iso&quot;:&quot;0&quot;,&quot;shutter_speed&quot;:&quot;0&quot;,&quot;title&quot;:&quot;&quot;,&quot;orientation&quot;:&quot;0&quot;}\" data-image-title=\"Capture d\u2019e\u0301cran, le 2025-01-24 a\u0300 14.47.08\" data-image-description=\"\" data-medium-file=\"https:\/\/i0.wp.com\/itayachtscanada.com\/wp-content\/uploads\/2025\/01\/Capture-decran-le-2025-01-24-a-14.47.08.jpg?fit=203%2C300&#038;ssl=1\" data-large-file=\"https:\/\/i0.wp.com\/itayachtscanada.com\/wp-content\/uploads\/2025\/01\/Capture-decran-le-2025-01-24-a-14.47.08.jpg?fit=694%2C1024&#038;ssl=1\" src=\"https:\/\/i0.wp.com\/itayachtscanada.com\/wp-content\/uploads\/2025\/01\/Capture-decran-le-2025-01-24-a-14.47.08.jpg?w=346&#038;h=511&#038;ssl=1\" srcset=\"https:\/\/i0.wp.com\/itayachtscanada.com\/wp-content\/uploads\/2025\/01\/Capture-decran-le-2025-01-24-a-14.47.08.jpg?w=694&amp;ssl=1 694w, https:\/\/i0.wp.com\/itayachtscanada.com\/wp-content\/uploads\/2025\/01\/Capture-decran-le-2025-01-24-a-14.47.08.jpg?resize=203%2C300&amp;ssl=1 203w, https:\/\/i0.wp.com\/itayachtscanada.com\/wp-content\/uploads\/2025\/01\/Capture-decran-le-2025-01-24-a-14.47.08.jpg?resize=271%2C400&amp;ssl=1 271w\" width=\"346\" height=\"511\" loading=\"lazy\" data-original-width=\"346\" data-original-height=\"511\" itemprop=\"http:\/\/schema.org\/image\" title=\"Capture d\u2019e\u0301cran, le 2025-01-24 a\u0300 14.47.08\" alt=\"Capture d\u2019e\u0301cran, le 2025-01-24 a\u0300 14.47.08\" style=\"width: 346px; height: 511px;\" \/> <\/a> <\/div> <\/div> <!-- close group --> <div class=\"gallery-group images-1\" style=\"width: 350px; height: 515px;\" data-original-width=\"350\" data-original-height=\"515\" > <div class=\"tiled-gallery-item tiled-gallery-item-large\" itemprop=\"associatedMedia\" itemscope itemtype=\"http:\/\/schema.org\/ImageObject\"> <a href=\"https:\/\/itayachtscanada.com\/fr\/listing\/marlow-53e-2020-2599000-usd-for-sale\/capture-decran-le-2025-01-24-a-14-47-00\/\" border=\"0\" itemprop=\"url\"> <meta itemprop=\"width\" content=\"346\"> <meta itemprop=\"height\" content=\"511\"> <img decoding=\"async\" class=\"\" data-attachment-id=\"201668\" data-orig-file=\"https:\/\/itayachtscanada.com\/wp-content\/uploads\/2025\/01\/Capture-decran-le-2025-01-24-a-14.47.00.jpg\" data-orig-size=\"694,1024\" data-comments-opened=\"1\" data-image-meta=\"{&quot;aperture&quot;:&quot;0&quot;,&quot;credit&quot;:&quot;&quot;,&quot;camera&quot;:&quot;&quot;,&quot;caption&quot;:&quot;&quot;,&quot;created_timestamp&quot;:&quot;0&quot;,&quot;copyright&quot;:&quot;&quot;,&quot;focal_length&quot;:&quot;0&quot;,&quot;iso&quot;:&quot;0&quot;,&quot;shutter_speed&quot;:&quot;0&quot;,&quot;title&quot;:&quot;&quot;,&quot;orientation&quot;:&quot;0&quot;}\" data-image-title=\"Capture d\u2019e\u0301cran, le 2025-01-24 a\u0300 14.47.00\" data-image-description=\"\" data-medium-file=\"https:\/\/i0.wp.com\/itayachtscanada.com\/wp-content\/uploads\/2025\/01\/Capture-decran-le-2025-01-24-a-14.47.00.jpg?fit=203%2C300&#038;ssl=1\" data-large-file=\"https:\/\/i0.wp.com\/itayachtscanada.com\/wp-content\/uploads\/2025\/01\/Capture-decran-le-2025-01-24-a-14.47.00.jpg?fit=694%2C1024&#038;ssl=1\" src=\"https:\/\/i0.wp.com\/itayachtscanada.com\/wp-content\/uploads\/2025\/01\/Capture-decran-le-2025-01-24-a-14.47.00.jpg?w=346&#038;h=511&#038;ssl=1\" srcset=\"https:\/\/i0.wp.com\/itayachtscanada.com\/wp-content\/uploads\/2025\/01\/Capture-decran-le-2025-01-24-a-14.47.00.jpg?w=694&amp;ssl=1 694w, https:\/\/i0.wp.com\/itayachtscanada.com\/wp-content\/uploads\/2025\/01\/Capture-decran-le-2025-01-24-a-14.47.00.jpg?resize=203%2C300&amp;ssl=1 203w, https:\/\/i0.wp.com\/itayachtscanada.com\/wp-content\/uploads\/2025\/01\/Capture-decran-le-2025-01-24-a-14.47.00.jpg?resize=271%2C400&amp;ssl=1 271w\" width=\"346\" height=\"511\" loading=\"lazy\" data-original-width=\"346\" data-original-height=\"511\" itemprop=\"http:\/\/schema.org\/image\" title=\"Capture d\u2019e\u0301cran, le 2025-01-24 a\u0300 14.47.00\" alt=\"Capture d\u2019e\u0301cran, le 2025-01-24 a\u0300 14.47.00\" style=\"width: 346px; height: 511px;\" \/> <\/a> <\/div> <\/div> <!-- close group --> <\/div> <!-- close row --> <div class=\"gallery-row\" style=\"width: 700px; height: 311px;\" data-original-width=\"700\" data-original-height=\"311\" > <div class=\"gallery-group images-1\" style=\"width: 467px; height: 311px;\" data-original-width=\"467\" data-original-height=\"311\" > <div class=\"tiled-gallery-item tiled-gallery-item-large\" itemprop=\"associatedMedia\" itemscope itemtype=\"http:\/\/schema.org\/ImageObject\"> <a href=\"https:\/\/itayachtscanada.com\/fr\/listing\/marlow-53e-2020-2599000-usd-for-sale\/capture-decran-le-2025-01-24-a-14-46-57\/\" border=\"0\" itemprop=\"url\"> <meta itemprop=\"width\" content=\"463\"> <meta itemprop=\"height\" content=\"307\"> <img decoding=\"async\" class=\"\" data-attachment-id=\"201669\" data-orig-file=\"https:\/\/itayachtscanada.com\/wp-content\/uploads\/2025\/01\/Capture-decran-le-2025-01-24-a-14.46.57.jpg\" data-orig-size=\"1546,1024\" data-comments-opened=\"1\" data-image-meta=\"{&quot;aperture&quot;:&quot;0&quot;,&quot;credit&quot;:&quot;&quot;,&quot;camera&quot;:&quot;&quot;,&quot;caption&quot;:&quot;&quot;,&quot;created_timestamp&quot;:&quot;0&quot;,&quot;copyright&quot;:&quot;&quot;,&quot;focal_length&quot;:&quot;0&quot;,&quot;iso&quot;:&quot;0&quot;,&quot;shutter_speed&quot;:&quot;0&quot;,&quot;title&quot;:&quot;&quot;,&quot;orientation&quot;:&quot;0&quot;}\" data-image-title=\"Capture d\u2019e\u0301cran, le 2025-01-24 a\u0300 14.46.57\" data-image-description=\"\" data-medium-file=\"https:\/\/i0.wp.com\/itayachtscanada.com\/wp-content\/uploads\/2025\/01\/Capture-decran-le-2025-01-24-a-14.46.57.jpg?fit=300%2C199&#038;ssl=1\" data-large-file=\"https:\/\/i0.wp.com\/itayachtscanada.com\/wp-content\/uploads\/2025\/01\/Capture-decran-le-2025-01-24-a-14.46.57.jpg?fit=700%2C463&#038;ssl=1\" src=\"https:\/\/i0.wp.com\/itayachtscanada.com\/wp-content\/uploads\/2025\/01\/Capture-decran-le-2025-01-24-a-14.46.57.jpg?w=463&#038;h=307&#038;ssl=1\" srcset=\"https:\/\/i0.wp.com\/itayachtscanada.com\/wp-content\/uploads\/2025\/01\/Capture-decran-le-2025-01-24-a-14.46.57.jpg?w=1546&amp;ssl=1 1546w, https:\/\/i0.wp.com\/itayachtscanada.com\/wp-content\/uploads\/2025\/01\/Capture-decran-le-2025-01-24-a-14.46.57.jpg?resize=300%2C199&amp;ssl=1 300w, https:\/\/i0.wp.com\/itayachtscanada.com\/wp-content\/uploads\/2025\/01\/Capture-decran-le-2025-01-24-a-14.46.57.jpg?resize=1024%2C678&amp;ssl=1 1024w, https:\/\/i0.wp.com\/itayachtscanada.com\/wp-content\/uploads\/2025\/01\/Capture-decran-le-2025-01-24-a-14.46.57.jpg?resize=768%2C509&amp;ssl=1 768w, https:\/\/i0.wp.com\/itayachtscanada.com\/wp-content\/uploads\/2025\/01\/Capture-decran-le-2025-01-24-a-14.46.57.jpg?resize=1536%2C1017&amp;ssl=1 1536w, https:\/\/i0.wp.com\/itayachtscanada.com\/wp-content\/uploads\/2025\/01\/Capture-decran-le-2025-01-24-a-14.46.57.jpg?resize=700%2C464&amp;ssl=1 700w, https:\/\/i0.wp.com\/itayachtscanada.com\/wp-content\/uploads\/2025\/01\/Capture-decran-le-2025-01-24-a-14.46.57.jpg?resize=604%2C400&amp;ssl=1 604w, https:\/\/i0.wp.com\/itayachtscanada.com\/wp-content\/uploads\/2025\/01\/Capture-decran-le-2025-01-24-a-14.46.57.jpg?w=1400&amp;ssl=1 1400w\" width=\"463\" height=\"307\" loading=\"lazy\" data-original-width=\"463\" data-original-height=\"307\" itemprop=\"http:\/\/schema.org\/image\" title=\"Capture d\u2019e\u0301cran, le 2025-01-24 a\u0300 14.46.57\" alt=\"Capture d\u2019e\u0301cran, le 2025-01-24 a\u0300 14.46.57\" style=\"width: 463px; height: 307px;\" \/> <\/a> <\/div> <\/div> <!-- close group --> <div class=\"gallery-group images-2\" style=\"width: 233px; height: 311px;\" data-original-width=\"233\" data-original-height=\"311\" > <div class=\"tiled-gallery-item tiled-gallery-item-small\" itemprop=\"associatedMedia\" itemscope itemtype=\"http:\/\/schema.org\/ImageObject\"> <a href=\"https:\/\/itayachtscanada.com\/fr\/listing\/marlow-53e-2020-2599000-usd-for-sale\/capture-decran-le-2025-01-24-a-14-46-54\/\" border=\"0\" itemprop=\"url\"> <meta itemprop=\"width\" content=\"229\"> <meta itemprop=\"height\" content=\"152\"> <img decoding=\"async\" class=\"\" data-attachment-id=\"201670\" data-orig-file=\"https:\/\/itayachtscanada.com\/wp-content\/uploads\/2025\/01\/Capture-decran-le-2025-01-24-a-14.46.54.jpg\" data-orig-size=\"1546,1024\" data-comments-opened=\"1\" data-image-meta=\"{&quot;aperture&quot;:&quot;0&quot;,&quot;credit&quot;:&quot;&quot;,&quot;camera&quot;:&quot;&quot;,&quot;caption&quot;:&quot;&quot;,&quot;created_timestamp&quot;:&quot;0&quot;,&quot;copyright&quot;:&quot;&quot;,&quot;focal_length&quot;:&quot;0&quot;,&quot;iso&quot;:&quot;0&quot;,&quot;shutter_speed&quot;:&quot;0&quot;,&quot;title&quot;:&quot;&quot;,&quot;orientation&quot;:&quot;0&quot;}\" data-image-title=\"Capture d\u2019e\u0301cran, le 2025-01-24 a\u0300 14.46.54\" data-image-description=\"\" data-medium-file=\"https:\/\/i0.wp.com\/itayachtscanada.com\/wp-content\/uploads\/2025\/01\/Capture-decran-le-2025-01-24-a-14.46.54.jpg?fit=300%2C199&#038;ssl=1\" data-large-file=\"https:\/\/i0.wp.com\/itayachtscanada.com\/wp-content\/uploads\/2025\/01\/Capture-decran-le-2025-01-24-a-14.46.54.jpg?fit=700%2C463&#038;ssl=1\" src=\"https:\/\/i0.wp.com\/itayachtscanada.com\/wp-content\/uploads\/2025\/01\/Capture-decran-le-2025-01-24-a-14.46.54.jpg?w=229&#038;h=152&#038;ssl=1\" srcset=\"https:\/\/i0.wp.com\/itayachtscanada.com\/wp-content\/uploads\/2025\/01\/Capture-decran-le-2025-01-24-a-14.46.54.jpg?w=1546&amp;ssl=1 1546w, https:\/\/i0.wp.com\/itayachtscanada.com\/wp-content\/uploads\/2025\/01\/Capture-decran-le-2025-01-24-a-14.46.54.jpg?resize=300%2C199&amp;ssl=1 300w, https:\/\/i0.wp.com\/itayachtscanada.com\/wp-content\/uploads\/2025\/01\/Capture-decran-le-2025-01-24-a-14.46.54.jpg?resize=1024%2C678&amp;ssl=1 1024w, https:\/\/i0.wp.com\/itayachtscanada.com\/wp-content\/uploads\/2025\/01\/Capture-decran-le-2025-01-24-a-14.46.54.jpg?resize=768%2C509&amp;ssl=1 768w, https:\/\/i0.wp.com\/itayachtscanada.com\/wp-content\/uploads\/2025\/01\/Capture-decran-le-2025-01-24-a-14.46.54.jpg?resize=1536%2C1017&amp;ssl=1 1536w, https:\/\/i0.wp.com\/itayachtscanada.com\/wp-content\/uploads\/2025\/01\/Capture-decran-le-2025-01-24-a-14.46.54.jpg?resize=700%2C464&amp;ssl=1 700w, https:\/\/i0.wp.com\/itayachtscanada.com\/wp-content\/uploads\/2025\/01\/Capture-decran-le-2025-01-24-a-14.46.54.jpg?resize=900%2C600&amp;ssl=1 900w, https:\/\/i0.wp.com\/itayachtscanada.com\/wp-content\/uploads\/2025\/01\/Capture-decran-le-2025-01-24-a-14.46.54.jpg?resize=604%2C400&amp;ssl=1 604w, https:\/\/i0.wp.com\/itayachtscanada.com\/wp-content\/uploads\/2025\/01\/Capture-decran-le-2025-01-24-a-14.46.54.jpg?w=1400&amp;ssl=1 1400w\" width=\"229\" height=\"152\" loading=\"lazy\" data-original-width=\"229\" data-original-height=\"152\" itemprop=\"http:\/\/schema.org\/image\" title=\"Capture d\u2019e\u0301cran, le 2025-01-24 a\u0300 14.46.54\" alt=\"Capture d\u2019e\u0301cran, le 2025-01-24 a\u0300 14.46.54\" style=\"width: 229px; height: 152px;\" \/> <\/a> <\/div> <div class=\"tiled-gallery-item tiled-gallery-item-small\" itemprop=\"associatedMedia\" itemscope itemtype=\"http:\/\/schema.org\/ImageObject\"> <a href=\"https:\/\/itayachtscanada.com\/fr\/listing\/marlow-53e-2020-2599000-usd-for-sale\/capture-decran-le-2025-01-24-a-14-46-50\/\" border=\"0\" itemprop=\"url\"> <meta itemprop=\"width\" content=\"229\"> <meta itemprop=\"height\" content=\"151\"> <img decoding=\"async\" class=\"\" data-attachment-id=\"201671\" data-orig-file=\"https:\/\/itayachtscanada.com\/wp-content\/uploads\/2025\/01\/Capture-decran-le-2025-01-24-a-14.46.50.jpg\" data-orig-size=\"1546,1024\" data-comments-opened=\"1\" data-image-meta=\"{&quot;aperture&quot;:&quot;0&quot;,&quot;credit&quot;:&quot;&quot;,&quot;camera&quot;:&quot;&quot;,&quot;caption&quot;:&quot;&quot;,&quot;created_timestamp&quot;:&quot;0&quot;,&quot;copyright&quot;:&quot;&quot;,&quot;focal_length&quot;:&quot;0&quot;,&quot;iso&quot;:&quot;0&quot;,&quot;shutter_speed&quot;:&quot;0&quot;,&quot;title&quot;:&quot;&quot;,&quot;orientation&quot;:&quot;0&quot;}\" data-image-title=\"Capture d\u2019e\u0301cran, le 2025-01-24 a\u0300 14.46.50\" data-image-description=\"\" data-medium-file=\"https:\/\/i0.wp.com\/itayachtscanada.com\/wp-content\/uploads\/2025\/01\/Capture-decran-le-2025-01-24-a-14.46.50.jpg?fit=300%2C199&#038;ssl=1\" data-large-file=\"https:\/\/i0.wp.com\/itayachtscanada.com\/wp-content\/uploads\/2025\/01\/Capture-decran-le-2025-01-24-a-14.46.50.jpg?fit=700%2C463&#038;ssl=1\" src=\"https:\/\/i0.wp.com\/itayachtscanada.com\/wp-content\/uploads\/2025\/01\/Capture-decran-le-2025-01-24-a-14.46.50.jpg?w=229&#038;h=151&#038;ssl=1\" srcset=\"https:\/\/i0.wp.com\/itayachtscanada.com\/wp-content\/uploads\/2025\/01\/Capture-decran-le-2025-01-24-a-14.46.50.jpg?w=1546&amp;ssl=1 1546w, https:\/\/i0.wp.com\/itayachtscanada.com\/wp-content\/uploads\/2025\/01\/Capture-decran-le-2025-01-24-a-14.46.50.jpg?resize=300%2C199&amp;ssl=1 300w, https:\/\/i0.wp.com\/itayachtscanada.com\/wp-content\/uploads\/2025\/01\/Capture-decran-le-2025-01-24-a-14.46.50.jpg?resize=1024%2C678&amp;ssl=1 1024w, https:\/\/i0.wp.com\/itayachtscanada.com\/wp-content\/uploads\/2025\/01\/Capture-decran-le-2025-01-24-a-14.46.50.jpg?resize=768%2C509&amp;ssl=1 768w, https:\/\/i0.wp.com\/itayachtscanada.com\/wp-content\/uploads\/2025\/01\/Capture-decran-le-2025-01-24-a-14.46.50.jpg?resize=1536%2C1017&amp;ssl=1 1536w, https:\/\/i0.wp.com\/itayachtscanada.com\/wp-content\/uploads\/2025\/01\/Capture-decran-le-2025-01-24-a-14.46.50.jpg?resize=700%2C464&amp;ssl=1 700w, https:\/\/i0.wp.com\/itayachtscanada.com\/wp-content\/uploads\/2025\/01\/Capture-decran-le-2025-01-24-a-14.46.50.jpg?resize=604%2C400&amp;ssl=1 604w, https:\/\/i0.wp.com\/itayachtscanada.com\/wp-content\/uploads\/2025\/01\/Capture-decran-le-2025-01-24-a-14.46.50.jpg?w=1400&amp;ssl=1 1400w\" width=\"229\" height=\"151\" loading=\"lazy\" data-original-width=\"229\" data-original-height=\"151\" itemprop=\"http:\/\/schema.org\/image\" title=\"Capture d\u2019e\u0301cran, le 2025-01-24 a\u0300 14.46.50\" alt=\"Capture d\u2019e\u0301cran, le 2025-01-24 a\u0300 14.46.50\" style=\"width: 229px; height: 151px;\" \/> <\/a> <\/div> <\/div> <!-- close group --> <\/div> <!-- close row --> <div class=\"gallery-row\" style=\"width: 700px; height: 156px;\" data-original-width=\"700\" data-original-height=\"156\" > <div class=\"gallery-group images-1\" style=\"width: 234px; height: 156px;\" data-original-width=\"234\" data-original-height=\"156\" > <div class=\"tiled-gallery-item tiled-gallery-item-small\" itemprop=\"associatedMedia\" itemscope itemtype=\"http:\/\/schema.org\/ImageObject\"> <a href=\"https:\/\/itayachtscanada.com\/fr\/listing\/marlow-53e-2020-2599000-usd-for-sale\/capture-decran-le-2025-01-24-a-14-46-47\/\" border=\"0\" itemprop=\"url\"> <meta itemprop=\"width\" content=\"230\"> <meta itemprop=\"height\" content=\"152\"> <img decoding=\"async\" class=\"\" data-attachment-id=\"201672\" data-orig-file=\"https:\/\/itayachtscanada.com\/wp-content\/uploads\/2025\/01\/Capture-decran-le-2025-01-24-a-14.46.47.jpg\" data-orig-size=\"1546,1024\" data-comments-opened=\"1\" data-image-meta=\"{&quot;aperture&quot;:&quot;0&quot;,&quot;credit&quot;:&quot;&quot;,&quot;camera&quot;:&quot;&quot;,&quot;caption&quot;:&quot;&quot;,&quot;created_timestamp&quot;:&quot;0&quot;,&quot;copyright&quot;:&quot;&quot;,&quot;focal_length&quot;:&quot;0&quot;,&quot;iso&quot;:&quot;0&quot;,&quot;shutter_speed&quot;:&quot;0&quot;,&quot;title&quot;:&quot;&quot;,&quot;orientation&quot;:&quot;0&quot;}\" data-image-title=\"Capture d\u2019e\u0301cran, le 2025-01-24 a\u0300 14.46.47\" data-image-description=\"\" data-medium-file=\"https:\/\/i0.wp.com\/itayachtscanada.com\/wp-content\/uploads\/2025\/01\/Capture-decran-le-2025-01-24-a-14.46.47.jpg?fit=300%2C199&#038;ssl=1\" data-large-file=\"https:\/\/i0.wp.com\/itayachtscanada.com\/wp-content\/uploads\/2025\/01\/Capture-decran-le-2025-01-24-a-14.46.47.jpg?fit=700%2C463&#038;ssl=1\" src=\"https:\/\/i0.wp.com\/itayachtscanada.com\/wp-content\/uploads\/2025\/01\/Capture-decran-le-2025-01-24-a-14.46.47.jpg?w=230&#038;h=152&#038;ssl=1\" srcset=\"https:\/\/i0.wp.com\/itayachtscanada.com\/wp-content\/uploads\/2025\/01\/Capture-decran-le-2025-01-24-a-14.46.47.jpg?w=1546&amp;ssl=1 1546w, https:\/\/i0.wp.com\/itayachtscanada.com\/wp-content\/uploads\/2025\/01\/Capture-decran-le-2025-01-24-a-14.46.47.jpg?resize=300%2C199&amp;ssl=1 300w, https:\/\/i0.wp.com\/itayachtscanada.com\/wp-content\/uploads\/2025\/01\/Capture-decran-le-2025-01-24-a-14.46.47.jpg?resize=1024%2C678&amp;ssl=1 1024w, https:\/\/i0.wp.com\/itayachtscanada.com\/wp-content\/uploads\/2025\/01\/Capture-decran-le-2025-01-24-a-14.46.47.jpg?resize=768%2C509&amp;ssl=1 768w, https:\/\/i0.wp.com\/itayachtscanada.com\/wp-content\/uploads\/2025\/01\/Capture-decran-le-2025-01-24-a-14.46.47.jpg?resize=1536%2C1017&amp;ssl=1 1536w, https:\/\/i0.wp.com\/itayachtscanada.com\/wp-content\/uploads\/2025\/01\/Capture-decran-le-2025-01-24-a-14.46.47.jpg?resize=700%2C464&amp;ssl=1 700w, https:\/\/i0.wp.com\/itayachtscanada.com\/wp-content\/uploads\/2025\/01\/Capture-decran-le-2025-01-24-a-14.46.47.jpg?resize=900%2C600&amp;ssl=1 900w, https:\/\/i0.wp.com\/itayachtscanada.com\/wp-content\/uploads\/2025\/01\/Capture-decran-le-2025-01-24-a-14.46.47.jpg?resize=604%2C400&amp;ssl=1 604w, https:\/\/i0.wp.com\/itayachtscanada.com\/wp-content\/uploads\/2025\/01\/Capture-decran-le-2025-01-24-a-14.46.47.jpg?w=1400&amp;ssl=1 1400w\" width=\"230\" height=\"152\" loading=\"lazy\" data-original-width=\"230\" data-original-height=\"152\" itemprop=\"http:\/\/schema.org\/image\" title=\"Capture d\u2019e\u0301cran, le 2025-01-24 a\u0300 14.46.47\" alt=\"Capture d\u2019e\u0301cran, le 2025-01-24 a\u0300 14.46.47\" style=\"width: 230px; height: 152px;\" \/> <\/a> <\/div> <\/div> <!-- close group --> <div class=\"gallery-group images-1\" style=\"width: 233px; height: 156px;\" data-original-width=\"233\" data-original-height=\"156\" > <div class=\"tiled-gallery-item tiled-gallery-item-small\" itemprop=\"associatedMedia\" itemscope itemtype=\"http:\/\/schema.org\/ImageObject\"> <a href=\"https:\/\/itayachtscanada.com\/fr\/listing\/marlow-53e-2020-2599000-usd-for-sale\/capture-decran-le-2025-01-24-a-14-46-44\/\" border=\"0\" itemprop=\"url\"> <meta itemprop=\"width\" content=\"229\"> <meta itemprop=\"height\" content=\"152\"> <img decoding=\"async\" class=\"\" data-attachment-id=\"201673\" data-orig-file=\"https:\/\/itayachtscanada.com\/wp-content\/uploads\/2025\/01\/Capture-decran-le-2025-01-24-a-14.46.44.jpg\" data-orig-size=\"1546,1024\" data-comments-opened=\"1\" data-image-meta=\"{&quot;aperture&quot;:&quot;0&quot;,&quot;credit&quot;:&quot;&quot;,&quot;camera&quot;:&quot;&quot;,&quot;caption&quot;:&quot;&quot;,&quot;created_timestamp&quot;:&quot;0&quot;,&quot;copyright&quot;:&quot;&quot;,&quot;focal_length&quot;:&quot;0&quot;,&quot;iso&quot;:&quot;0&quot;,&quot;shutter_speed&quot;:&quot;0&quot;,&quot;title&quot;:&quot;&quot;,&quot;orientation&quot;:&quot;0&quot;}\" data-image-title=\"Capture d\u2019e\u0301cran, le 2025-01-24 a\u0300 14.46.44\" data-image-description=\"\" data-medium-file=\"https:\/\/i0.wp.com\/itayachtscanada.com\/wp-content\/uploads\/2025\/01\/Capture-decran-le-2025-01-24-a-14.46.44.jpg?fit=300%2C199&#038;ssl=1\" data-large-file=\"https:\/\/i0.wp.com\/itayachtscanada.com\/wp-content\/uploads\/2025\/01\/Capture-decran-le-2025-01-24-a-14.46.44.jpg?fit=700%2C463&#038;ssl=1\" src=\"https:\/\/i0.wp.com\/itayachtscanada.com\/wp-content\/uploads\/2025\/01\/Capture-decran-le-2025-01-24-a-14.46.44.jpg?w=229&#038;h=152&#038;ssl=1\" srcset=\"https:\/\/i0.wp.com\/itayachtscanada.com\/wp-content\/uploads\/2025\/01\/Capture-decran-le-2025-01-24-a-14.46.44.jpg?w=1546&amp;ssl=1 1546w, https:\/\/i0.wp.com\/itayachtscanada.com\/wp-content\/uploads\/2025\/01\/Capture-decran-le-2025-01-24-a-14.46.44.jpg?resize=300%2C199&amp;ssl=1 300w, https:\/\/i0.wp.com\/itayachtscanada.com\/wp-content\/uploads\/2025\/01\/Capture-decran-le-2025-01-24-a-14.46.44.jpg?resize=1024%2C678&amp;ssl=1 1024w, https:\/\/i0.wp.com\/itayachtscanada.com\/wp-content\/uploads\/2025\/01\/Capture-decran-le-2025-01-24-a-14.46.44.jpg?resize=768%2C509&amp;ssl=1 768w, https:\/\/i0.wp.com\/itayachtscanada.com\/wp-content\/uploads\/2025\/01\/Capture-decran-le-2025-01-24-a-14.46.44.jpg?resize=1536%2C1017&amp;ssl=1 1536w, https:\/\/i0.wp.com\/itayachtscanada.com\/wp-content\/uploads\/2025\/01\/Capture-decran-le-2025-01-24-a-14.46.44.jpg?resize=700%2C464&amp;ssl=1 700w, https:\/\/i0.wp.com\/itayachtscanada.com\/wp-content\/uploads\/2025\/01\/Capture-decran-le-2025-01-24-a-14.46.44.jpg?resize=900%2C600&amp;ssl=1 900w, https:\/\/i0.wp.com\/itayachtscanada.com\/wp-content\/uploads\/2025\/01\/Capture-decran-le-2025-01-24-a-14.46.44.jpg?resize=604%2C400&amp;ssl=1 604w, https:\/\/i0.wp.com\/itayachtscanada.com\/wp-content\/uploads\/2025\/01\/Capture-decran-le-2025-01-24-a-14.46.44.jpg?w=1400&amp;ssl=1 1400w\" width=\"229\" height=\"152\" loading=\"lazy\" data-original-width=\"229\" data-original-height=\"152\" itemprop=\"http:\/\/schema.org\/image\" title=\"Capture d\u2019e\u0301cran, le 2025-01-24 a\u0300 14.46.44\" alt=\"Capture d\u2019e\u0301cran, le 2025-01-24 a\u0300 14.46.44\" style=\"width: 229px; height: 152px;\" \/> <\/a> <\/div> <\/div> <!-- close group --> <div class=\"gallery-group images-1\" style=\"width: 233px; height: 156px;\" data-original-width=\"233\" data-original-height=\"156\" > <div class=\"tiled-gallery-item tiled-gallery-item-small\" itemprop=\"associatedMedia\" itemscope itemtype=\"http:\/\/schema.org\/ImageObject\"> <a href=\"https:\/\/itayachtscanada.com\/fr\/listing\/marlow-53e-2020-2599000-usd-for-sale\/capture-decran-le-2025-01-24-a-14-46-40\/\" border=\"0\" itemprop=\"url\"> <meta itemprop=\"width\" content=\"229\"> <meta itemprop=\"height\" content=\"152\"> <img decoding=\"async\" class=\"\" data-attachment-id=\"201674\" data-orig-file=\"https:\/\/itayachtscanada.com\/wp-content\/uploads\/2025\/01\/Capture-decran-le-2025-01-24-a-14.46.40.jpg\" data-orig-size=\"1546,1024\" data-comments-opened=\"1\" data-image-meta=\"{&quot;aperture&quot;:&quot;0&quot;,&quot;credit&quot;:&quot;&quot;,&quot;camera&quot;:&quot;&quot;,&quot;caption&quot;:&quot;&quot;,&quot;created_timestamp&quot;:&quot;0&quot;,&quot;copyright&quot;:&quot;&quot;,&quot;focal_length&quot;:&quot;0&quot;,&quot;iso&quot;:&quot;0&quot;,&quot;shutter_speed&quot;:&quot;0&quot;,&quot;title&quot;:&quot;&quot;,&quot;orientation&quot;:&quot;0&quot;}\" data-image-title=\"Capture d\u2019e\u0301cran, le 2025-01-24 a\u0300 14.46.40\" data-image-description=\"\" data-medium-file=\"https:\/\/i0.wp.com\/itayachtscanada.com\/wp-content\/uploads\/2025\/01\/Capture-decran-le-2025-01-24-a-14.46.40.jpg?fit=300%2C199&#038;ssl=1\" data-large-file=\"https:\/\/i0.wp.com\/itayachtscanada.com\/wp-content\/uploads\/2025\/01\/Capture-decran-le-2025-01-24-a-14.46.40.jpg?fit=700%2C463&#038;ssl=1\" src=\"https:\/\/i0.wp.com\/itayachtscanada.com\/wp-content\/uploads\/2025\/01\/Capture-decran-le-2025-01-24-a-14.46.40.jpg?w=229&#038;h=152&#038;ssl=1\" srcset=\"https:\/\/i0.wp.com\/itayachtscanada.com\/wp-content\/uploads\/2025\/01\/Capture-decran-le-2025-01-24-a-14.46.40.jpg?w=1546&amp;ssl=1 1546w, https:\/\/i0.wp.com\/itayachtscanada.com\/wp-content\/uploads\/2025\/01\/Capture-decran-le-2025-01-24-a-14.46.40.jpg?resize=300%2C199&amp;ssl=1 300w, https:\/\/i0.wp.com\/itayachtscanada.com\/wp-content\/uploads\/2025\/01\/Capture-decran-le-2025-01-24-a-14.46.40.jpg?resize=1024%2C678&amp;ssl=1 1024w, https:\/\/i0.wp.com\/itayachtscanada.com\/wp-content\/uploads\/2025\/01\/Capture-decran-le-2025-01-24-a-14.46.40.jpg?resize=768%2C509&amp;ssl=1 768w, https:\/\/i0.wp.com\/itayachtscanada.com\/wp-content\/uploads\/2025\/01\/Capture-decran-le-2025-01-24-a-14.46.40.jpg?resize=1536%2C1017&amp;ssl=1 1536w, https:\/\/i0.wp.com\/itayachtscanada.com\/wp-content\/uploads\/2025\/01\/Capture-decran-le-2025-01-24-a-14.46.40.jpg?resize=700%2C464&amp;ssl=1 700w, https:\/\/i0.wp.com\/itayachtscanada.com\/wp-content\/uploads\/2025\/01\/Capture-decran-le-2025-01-24-a-14.46.40.jpg?resize=900%2C600&amp;ssl=1 900w, https:\/\/i0.wp.com\/itayachtscanada.com\/wp-content\/uploads\/2025\/01\/Capture-decran-le-2025-01-24-a-14.46.40.jpg?resize=604%2C400&amp;ssl=1 604w, https:\/\/i0.wp.com\/itayachtscanada.com\/wp-content\/uploads\/2025\/01\/Capture-decran-le-2025-01-24-a-14.46.40.jpg?w=1400&amp;ssl=1 1400w\" width=\"229\" height=\"152\" loading=\"lazy\" data-original-width=\"229\" data-original-height=\"152\" itemprop=\"http:\/\/schema.org\/image\" title=\"Capture d\u2019e\u0301cran, le 2025-01-24 a\u0300 14.46.40\" alt=\"Capture d\u2019e\u0301cran, le 2025-01-24 a\u0300 14.46.40\" style=\"width: 229px; height: 152px;\" \/> <\/a> <\/div> <\/div> <!-- close group --> <\/div> <!-- close row --> <div class=\"gallery-row\" style=\"width: 700px; height: 311px;\" data-original-width=\"700\" data-original-height=\"311\" > <div class=\"gallery-group images-2\" style=\"width: 233px; height: 311px;\" data-original-width=\"233\" data-original-height=\"311\" > <div class=\"tiled-gallery-item tiled-gallery-item-small\" itemprop=\"associatedMedia\" itemscope itemtype=\"http:\/\/schema.org\/ImageObject\"> <a href=\"https:\/\/itayachtscanada.com\/fr\/listing\/marlow-53e-2020-2599000-usd-for-sale\/capture-decran-le-2025-01-24-a-14-46-21\/\" border=\"0\" itemprop=\"url\"> <meta itemprop=\"width\" content=\"229\"> <meta itemprop=\"height\" content=\"152\"> <img decoding=\"async\" class=\"\" data-attachment-id=\"201675\" data-orig-file=\"https:\/\/itayachtscanada.com\/wp-content\/uploads\/2025\/01\/Capture-decran-le-2025-01-24-a-14.46.21.jpg\" data-orig-size=\"1546,1024\" data-comments-opened=\"1\" data-image-meta=\"{&quot;aperture&quot;:&quot;0&quot;,&quot;credit&quot;:&quot;&quot;,&quot;camera&quot;:&quot;&quot;,&quot;caption&quot;:&quot;&quot;,&quot;created_timestamp&quot;:&quot;0&quot;,&quot;copyright&quot;:&quot;&quot;,&quot;focal_length&quot;:&quot;0&quot;,&quot;iso&quot;:&quot;0&quot;,&quot;shutter_speed&quot;:&quot;0&quot;,&quot;title&quot;:&quot;&quot;,&quot;orientation&quot;:&quot;0&quot;}\" data-image-title=\"Capture d\u2019e\u0301cran, le 2025-01-24 a\u0300 14.46.21\" data-image-description=\"\" data-medium-file=\"https:\/\/i0.wp.com\/itayachtscanada.com\/wp-content\/uploads\/2025\/01\/Capture-decran-le-2025-01-24-a-14.46.21.jpg?fit=300%2C199&#038;ssl=1\" data-large-file=\"https:\/\/i0.wp.com\/itayachtscanada.com\/wp-content\/uploads\/2025\/01\/Capture-decran-le-2025-01-24-a-14.46.21.jpg?fit=700%2C463&#038;ssl=1\" src=\"https:\/\/i0.wp.com\/itayachtscanada.com\/wp-content\/uploads\/2025\/01\/Capture-decran-le-2025-01-24-a-14.46.21.jpg?w=229&#038;h=152&#038;ssl=1\" srcset=\"https:\/\/i0.wp.com\/itayachtscanada.com\/wp-content\/uploads\/2025\/01\/Capture-decran-le-2025-01-24-a-14.46.21.jpg?w=1546&amp;ssl=1 1546w, https:\/\/i0.wp.com\/itayachtscanada.com\/wp-content\/uploads\/2025\/01\/Capture-decran-le-2025-01-24-a-14.46.21.jpg?resize=300%2C199&amp;ssl=1 300w, https:\/\/i0.wp.com\/itayachtscanada.com\/wp-content\/uploads\/2025\/01\/Capture-decran-le-2025-01-24-a-14.46.21.jpg?resize=1024%2C678&amp;ssl=1 1024w, https:\/\/i0.wp.com\/itayachtscanada.com\/wp-content\/uploads\/2025\/01\/Capture-decran-le-2025-01-24-a-14.46.21.jpg?resize=768%2C509&amp;ssl=1 768w, https:\/\/i0.wp.com\/itayachtscanada.com\/wp-content\/uploads\/2025\/01\/Capture-decran-le-2025-01-24-a-14.46.21.jpg?resize=1536%2C1017&amp;ssl=1 1536w, https:\/\/i0.wp.com\/itayachtscanada.com\/wp-content\/uploads\/2025\/01\/Capture-decran-le-2025-01-24-a-14.46.21.jpg?resize=700%2C464&amp;ssl=1 700w, https:\/\/i0.wp.com\/itayachtscanada.com\/wp-content\/uploads\/2025\/01\/Capture-decran-le-2025-01-24-a-14.46.21.jpg?resize=900%2C600&amp;ssl=1 900w, https:\/\/i0.wp.com\/itayachtscanada.com\/wp-content\/uploads\/2025\/01\/Capture-decran-le-2025-01-24-a-14.46.21.jpg?resize=604%2C400&amp;ssl=1 604w, https:\/\/i0.wp.com\/itayachtscanada.com\/wp-content\/uploads\/2025\/01\/Capture-decran-le-2025-01-24-a-14.46.21.jpg?w=1400&amp;ssl=1 1400w\" width=\"229\" height=\"152\" loading=\"lazy\" data-original-width=\"229\" data-original-height=\"152\" itemprop=\"http:\/\/schema.org\/image\" title=\"Capture d\u2019e\u0301cran, le 2025-01-24 a\u0300 14.46.21\" alt=\"Capture d\u2019e\u0301cran, le 2025-01-24 a\u0300 14.46.21\" style=\"width: 229px; height: 152px;\" \/> <\/a> <\/div> <div class=\"tiled-gallery-item tiled-gallery-item-small\" itemprop=\"associatedMedia\" itemscope itemtype=\"http:\/\/schema.org\/ImageObject\"> <a href=\"https:\/\/itayachtscanada.com\/fr\/listing\/marlow-53e-2020-2599000-usd-for-sale\/capture-decran-le-2025-01-24-a-14-46-18\/\" border=\"0\" itemprop=\"url\"> <meta itemprop=\"width\" content=\"229\"> <meta itemprop=\"height\" content=\"151\"> <img decoding=\"async\" class=\"\" data-attachment-id=\"201676\" data-orig-file=\"https:\/\/itayachtscanada.com\/wp-content\/uploads\/2025\/01\/Capture-decran-le-2025-01-24-a-14.46.18.jpg\" data-orig-size=\"1546,1024\" data-comments-opened=\"1\" data-image-meta=\"{&quot;aperture&quot;:&quot;0&quot;,&quot;credit&quot;:&quot;&quot;,&quot;camera&quot;:&quot;&quot;,&quot;caption&quot;:&quot;&quot;,&quot;created_timestamp&quot;:&quot;0&quot;,&quot;copyright&quot;:&quot;&quot;,&quot;focal_length&quot;:&quot;0&quot;,&quot;iso&quot;:&quot;0&quot;,&quot;shutter_speed&quot;:&quot;0&quot;,&quot;title&quot;:&quot;&quot;,&quot;orientation&quot;:&quot;0&quot;}\" data-image-title=\"Capture d\u2019e\u0301cran, le 2025-01-24 a\u0300 14.46.18\" data-image-description=\"\" data-medium-file=\"https:\/\/i0.wp.com\/itayachtscanada.com\/wp-content\/uploads\/2025\/01\/Capture-decran-le-2025-01-24-a-14.46.18.jpg?fit=300%2C199&#038;ssl=1\" data-large-file=\"https:\/\/i0.wp.com\/itayachtscanada.com\/wp-content\/uploads\/2025\/01\/Capture-decran-le-2025-01-24-a-14.46.18.jpg?fit=700%2C463&#038;ssl=1\" src=\"https:\/\/i0.wp.com\/itayachtscanada.com\/wp-content\/uploads\/2025\/01\/Capture-decran-le-2025-01-24-a-14.46.18.jpg?w=229&#038;h=151&#038;ssl=1\" srcset=\"https:\/\/i0.wp.com\/itayachtscanada.com\/wp-content\/uploads\/2025\/01\/Capture-decran-le-2025-01-24-a-14.46.18.jpg?w=1546&amp;ssl=1 1546w, https:\/\/i0.wp.com\/itayachtscanada.com\/wp-content\/uploads\/2025\/01\/Capture-decran-le-2025-01-24-a-14.46.18.jpg?resize=300%2C199&amp;ssl=1 300w, https:\/\/i0.wp.com\/itayachtscanada.com\/wp-content\/uploads\/2025\/01\/Capture-decran-le-2025-01-24-a-14.46.18.jpg?resize=1024%2C678&amp;ssl=1 1024w, https:\/\/i0.wp.com\/itayachtscanada.com\/wp-content\/uploads\/2025\/01\/Capture-decran-le-2025-01-24-a-14.46.18.jpg?resize=768%2C509&amp;ssl=1 768w, https:\/\/i0.wp.com\/itayachtscanada.com\/wp-content\/uploads\/2025\/01\/Capture-decran-le-2025-01-24-a-14.46.18.jpg?resize=1536%2C1017&amp;ssl=1 1536w, https:\/\/i0.wp.com\/itayachtscanada.com\/wp-content\/uploads\/2025\/01\/Capture-decran-le-2025-01-24-a-14.46.18.jpg?resize=700%2C464&amp;ssl=1 700w, https:\/\/i0.wp.com\/itayachtscanada.com\/wp-content\/uploads\/2025\/01\/Capture-decran-le-2025-01-24-a-14.46.18.jpg?resize=604%2C400&amp;ssl=1 604w, https:\/\/i0.wp.com\/itayachtscanada.com\/wp-content\/uploads\/2025\/01\/Capture-decran-le-2025-01-24-a-14.46.18.jpg?w=1400&amp;ssl=1 1400w\" width=\"229\" height=\"151\" loading=\"lazy\" data-original-width=\"229\" data-original-height=\"151\" itemprop=\"http:\/\/schema.org\/image\" title=\"Capture d\u2019e\u0301cran, le 2025-01-24 a\u0300 14.46.18\" alt=\"Capture d\u2019e\u0301cran, le 2025-01-24 a\u0300 14.46.18\" style=\"width: 229px; height: 151px;\" \/> <\/a> <\/div> <\/div> <!-- close group --> <div class=\"gallery-group images-1\" style=\"width: 467px; height: 311px;\" data-original-width=\"467\" data-original-height=\"311\" > <div class=\"tiled-gallery-item tiled-gallery-item-large\" itemprop=\"associatedMedia\" itemscope itemtype=\"http:\/\/schema.org\/ImageObject\"> <a href=\"https:\/\/itayachtscanada.com\/fr\/listing\/marlow-53e-2020-2599000-usd-for-sale\/capture-decran-le-2025-01-24-a-14-46-15\/\" border=\"0\" itemprop=\"url\"> <meta itemprop=\"width\" content=\"463\"> <meta itemprop=\"height\" content=\"307\"> <img decoding=\"async\" class=\"\" data-attachment-id=\"201677\" data-orig-file=\"https:\/\/itayachtscanada.com\/wp-content\/uploads\/2025\/01\/Capture-decran-le-2025-01-24-a-14.46.15.jpg\" data-orig-size=\"1546,1024\" data-comments-opened=\"1\" data-image-meta=\"{&quot;aperture&quot;:&quot;0&quot;,&quot;credit&quot;:&quot;&quot;,&quot;camera&quot;:&quot;&quot;,&quot;caption&quot;:&quot;&quot;,&quot;created_timestamp&quot;:&quot;0&quot;,&quot;copyright&quot;:&quot;&quot;,&quot;focal_length&quot;:&quot;0&quot;,&quot;iso&quot;:&quot;0&quot;,&quot;shutter_speed&quot;:&quot;0&quot;,&quot;title&quot;:&quot;&quot;,&quot;orientation&quot;:&quot;0&quot;}\" data-image-title=\"Capture d\u2019e\u0301cran, le 2025-01-24 a\u0300 14.46.15\" data-image-description=\"\" data-medium-file=\"https:\/\/i0.wp.com\/itayachtscanada.com\/wp-content\/uploads\/2025\/01\/Capture-decran-le-2025-01-24-a-14.46.15.jpg?fit=300%2C199&#038;ssl=1\" data-large-file=\"https:\/\/i0.wp.com\/itayachtscanada.com\/wp-content\/uploads\/2025\/01\/Capture-decran-le-2025-01-24-a-14.46.15.jpg?fit=700%2C463&#038;ssl=1\" src=\"https:\/\/i0.wp.com\/itayachtscanada.com\/wp-content\/uploads\/2025\/01\/Capture-decran-le-2025-01-24-a-14.46.15.jpg?w=463&#038;h=307&#038;ssl=1\" srcset=\"https:\/\/i0.wp.com\/itayachtscanada.com\/wp-content\/uploads\/2025\/01\/Capture-decran-le-2025-01-24-a-14.46.15.jpg?w=1546&amp;ssl=1 1546w, https:\/\/i0.wp.com\/itayachtscanada.com\/wp-content\/uploads\/2025\/01\/Capture-decran-le-2025-01-24-a-14.46.15.jpg?resize=300%2C199&amp;ssl=1 300w, https:\/\/i0.wp.com\/itayachtscanada.com\/wp-content\/uploads\/2025\/01\/Capture-decran-le-2025-01-24-a-14.46.15.jpg?resize=1024%2C678&amp;ssl=1 1024w, https:\/\/i0.wp.com\/itayachtscanada.com\/wp-content\/uploads\/2025\/01\/Capture-decran-le-2025-01-24-a-14.46.15.jpg?resize=768%2C509&amp;ssl=1 768w, https:\/\/i0.wp.com\/itayachtscanada.com\/wp-content\/uploads\/2025\/01\/Capture-decran-le-2025-01-24-a-14.46.15.jpg?resize=1536%2C1017&amp;ssl=1 1536w, https:\/\/i0.wp.com\/itayachtscanada.com\/wp-content\/uploads\/2025\/01\/Capture-decran-le-2025-01-24-a-14.46.15.jpg?resize=700%2C464&amp;ssl=1 700w, https:\/\/i0.wp.com\/itayachtscanada.com\/wp-content\/uploads\/2025\/01\/Capture-decran-le-2025-01-24-a-14.46.15.jpg?resize=604%2C400&amp;ssl=1 604w, https:\/\/i0.wp.com\/itayachtscanada.com\/wp-content\/uploads\/2025\/01\/Capture-decran-le-2025-01-24-a-14.46.15.jpg?w=1400&amp;ssl=1 1400w\" width=\"463\" height=\"307\" loading=\"lazy\" data-original-width=\"463\" data-original-height=\"307\" itemprop=\"http:\/\/schema.org\/image\" title=\"Capture d\u2019e\u0301cran, le 2025-01-24 a\u0300 14.46.15\" alt=\"Capture d\u2019e\u0301cran, le 2025-01-24 a\u0300 14.46.15\" style=\"width: 463px; height: 307px;\" \/> <\/a> <\/div> <\/div> <!-- close group --> <\/div> <!-- close row --> <div class=\"gallery-row\" style=\"width: 700px; height: 233px;\" data-original-width=\"700\" data-original-height=\"233\" > <div class=\"gallery-group images-1\" style=\"width: 350px; height: 233px;\" data-original-width=\"350\" data-original-height=\"233\" > <div class=\"tiled-gallery-item tiled-gallery-item-large\" itemprop=\"associatedMedia\" itemscope itemtype=\"http:\/\/schema.org\/ImageObject\"> <a href=\"https:\/\/itayachtscanada.com\/fr\/listing\/marlow-53e-2020-2599000-usd-for-sale\/capture-decran-le-2025-01-24-a-14-46-12\/\" border=\"0\" itemprop=\"url\"> <meta itemprop=\"width\" content=\"346\"> <meta itemprop=\"height\" content=\"229\"> <img decoding=\"async\" class=\"\" data-attachment-id=\"201678\" data-orig-file=\"https:\/\/itayachtscanada.com\/wp-content\/uploads\/2025\/01\/Capture-decran-le-2025-01-24-a-14.46.12.jpg\" data-orig-size=\"1546,1024\" data-comments-opened=\"1\" data-image-meta=\"{&quot;aperture&quot;:&quot;0&quot;,&quot;credit&quot;:&quot;&quot;,&quot;camera&quot;:&quot;&quot;,&quot;caption&quot;:&quot;&quot;,&quot;created_timestamp&quot;:&quot;0&quot;,&quot;copyright&quot;:&quot;&quot;,&quot;focal_length&quot;:&quot;0&quot;,&quot;iso&quot;:&quot;0&quot;,&quot;shutter_speed&quot;:&quot;0&quot;,&quot;title&quot;:&quot;&quot;,&quot;orientation&quot;:&quot;0&quot;}\" data-image-title=\"Capture d\u2019e\u0301cran, le 2025-01-24 a\u0300 14.46.12\" data-image-description=\"\" data-medium-file=\"https:\/\/i0.wp.com\/itayachtscanada.com\/wp-content\/uploads\/2025\/01\/Capture-decran-le-2025-01-24-a-14.46.12.jpg?fit=300%2C199&#038;ssl=1\" data-large-file=\"https:\/\/i0.wp.com\/itayachtscanada.com\/wp-content\/uploads\/2025\/01\/Capture-decran-le-2025-01-24-a-14.46.12.jpg?fit=700%2C463&#038;ssl=1\" src=\"https:\/\/i0.wp.com\/itayachtscanada.com\/wp-content\/uploads\/2025\/01\/Capture-decran-le-2025-01-24-a-14.46.12.jpg?w=346&#038;h=229&#038;ssl=1\" srcset=\"https:\/\/i0.wp.com\/itayachtscanada.com\/wp-content\/uploads\/2025\/01\/Capture-decran-le-2025-01-24-a-14.46.12.jpg?w=1546&amp;ssl=1 1546w, https:\/\/i0.wp.com\/itayachtscanada.com\/wp-content\/uploads\/2025\/01\/Capture-decran-le-2025-01-24-a-14.46.12.jpg?resize=300%2C199&amp;ssl=1 300w, https:\/\/i0.wp.com\/itayachtscanada.com\/wp-content\/uploads\/2025\/01\/Capture-decran-le-2025-01-24-a-14.46.12.jpg?resize=1024%2C678&amp;ssl=1 1024w, https:\/\/i0.wp.com\/itayachtscanada.com\/wp-content\/uploads\/2025\/01\/Capture-decran-le-2025-01-24-a-14.46.12.jpg?resize=768%2C509&amp;ssl=1 768w, https:\/\/i0.wp.com\/itayachtscanada.com\/wp-content\/uploads\/2025\/01\/Capture-decran-le-2025-01-24-a-14.46.12.jpg?resize=1536%2C1017&amp;ssl=1 1536w, https:\/\/i0.wp.com\/itayachtscanada.com\/wp-content\/uploads\/2025\/01\/Capture-decran-le-2025-01-24-a-14.46.12.jpg?resize=700%2C464&amp;ssl=1 700w, https:\/\/i0.wp.com\/itayachtscanada.com\/wp-content\/uploads\/2025\/01\/Capture-decran-le-2025-01-24-a-14.46.12.jpg?resize=604%2C400&amp;ssl=1 604w, https:\/\/i0.wp.com\/itayachtscanada.com\/wp-content\/uploads\/2025\/01\/Capture-decran-le-2025-01-24-a-14.46.12.jpg?w=1400&amp;ssl=1 1400w\" width=\"346\" height=\"229\" loading=\"lazy\" data-original-width=\"346\" data-original-height=\"229\" itemprop=\"http:\/\/schema.org\/image\" title=\"Capture d\u2019e\u0301cran, le 2025-01-24 a\u0300 14.46.12\" alt=\"Capture d\u2019e\u0301cran, le 2025-01-24 a\u0300 14.46.12\" style=\"width: 346px; height: 229px;\" \/> <\/a> <\/div> <\/div> <!-- close group --> <div class=\"gallery-group images-1\" style=\"width: 350px; height: 233px;\" data-original-width=\"350\" data-original-height=\"233\" > <div class=\"tiled-gallery-item tiled-gallery-item-large\" itemprop=\"associatedMedia\" itemscope itemtype=\"http:\/\/schema.org\/ImageObject\"> <a href=\"https:\/\/itayachtscanada.com\/fr\/listing\/marlow-53e-2020-2599000-usd-for-sale\/capture-decran-le-2025-01-24-a-14-46-09\/\" border=\"0\" itemprop=\"url\"> <meta itemprop=\"width\" content=\"346\"> <meta itemprop=\"height\" content=\"229\"> <img decoding=\"async\" class=\"\" data-attachment-id=\"201679\" data-orig-file=\"https:\/\/itayachtscanada.com\/wp-content\/uploads\/2025\/01\/Capture-decran-le-2025-01-24-a-14.46.09.jpg\" data-orig-size=\"1546,1024\" data-comments-opened=\"1\" data-image-meta=\"{&quot;aperture&quot;:&quot;0&quot;,&quot;credit&quot;:&quot;&quot;,&quot;camera&quot;:&quot;&quot;,&quot;caption&quot;:&quot;&quot;,&quot;created_timestamp&quot;:&quot;0&quot;,&quot;copyright&quot;:&quot;&quot;,&quot;focal_length&quot;:&quot;0&quot;,&quot;iso&quot;:&quot;0&quot;,&quot;shutter_speed&quot;:&quot;0&quot;,&quot;title&quot;:&quot;&quot;,&quot;orientation&quot;:&quot;0&quot;}\" data-image-title=\"Capture d\u2019e\u0301cran, le 2025-01-24 a\u0300 14.46.09\" data-image-description=\"\" data-medium-file=\"https:\/\/i0.wp.com\/itayachtscanada.com\/wp-content\/uploads\/2025\/01\/Capture-decran-le-2025-01-24-a-14.46.09.jpg?fit=300%2C199&#038;ssl=1\" data-large-file=\"https:\/\/i0.wp.com\/itayachtscanada.com\/wp-content\/uploads\/2025\/01\/Capture-decran-le-2025-01-24-a-14.46.09.jpg?fit=700%2C463&#038;ssl=1\" src=\"https:\/\/i0.wp.com\/itayachtscanada.com\/wp-content\/uploads\/2025\/01\/Capture-decran-le-2025-01-24-a-14.46.09.jpg?w=346&#038;h=229&#038;ssl=1\" srcset=\"https:\/\/i0.wp.com\/itayachtscanada.com\/wp-content\/uploads\/2025\/01\/Capture-decran-le-2025-01-24-a-14.46.09.jpg?w=1546&amp;ssl=1 1546w, https:\/\/i0.wp.com\/itayachtscanada.com\/wp-content\/uploads\/2025\/01\/Capture-decran-le-2025-01-24-a-14.46.09.jpg?resize=300%2C199&amp;ssl=1 300w, https:\/\/i0.wp.com\/itayachtscanada.com\/wp-content\/uploads\/2025\/01\/Capture-decran-le-2025-01-24-a-14.46.09.jpg?resize=1024%2C678&amp;ssl=1 1024w, https:\/\/i0.wp.com\/itayachtscanada.com\/wp-content\/uploads\/2025\/01\/Capture-decran-le-2025-01-24-a-14.46.09.jpg?resize=768%2C509&amp;ssl=1 768w, https:\/\/i0.wp.com\/itayachtscanada.com\/wp-content\/uploads\/2025\/01\/Capture-decran-le-2025-01-24-a-14.46.09.jpg?resize=1536%2C1017&amp;ssl=1 1536w, https:\/\/i0.wp.com\/itayachtscanada.com\/wp-content\/uploads\/2025\/01\/Capture-decran-le-2025-01-24-a-14.46.09.jpg?resize=700%2C464&amp;ssl=1 700w, https:\/\/i0.wp.com\/itayachtscanada.com\/wp-content\/uploads\/2025\/01\/Capture-decran-le-2025-01-24-a-14.46.09.jpg?resize=604%2C400&amp;ssl=1 604w, https:\/\/i0.wp.com\/itayachtscanada.com\/wp-content\/uploads\/2025\/01\/Capture-decran-le-2025-01-24-a-14.46.09.jpg?w=1400&amp;ssl=1 1400w\" width=\"346\" height=\"229\" loading=\"lazy\" data-original-width=\"346\" data-original-height=\"229\" itemprop=\"http:\/\/schema.org\/image\" title=\"Capture d\u2019e\u0301cran, le 2025-01-24 a\u0300 14.46.09\" alt=\"Capture d\u2019e\u0301cran, le 2025-01-24 a\u0300 14.46.09\" style=\"width: 346px; height: 229px;\" \/> <\/a> <\/div> <\/div> <!-- close group --> <\/div> <!-- close row --> <div class=\"gallery-row\" style=\"width: 700px; height: 311px;\" data-original-width=\"700\" data-original-height=\"311\" > <div class=\"gallery-group images-1\" style=\"width: 467px; height: 311px;\" data-original-width=\"467\" data-original-height=\"311\" > <div class=\"tiled-gallery-item tiled-gallery-item-large\" itemprop=\"associatedMedia\" itemscope itemtype=\"http:\/\/schema.org\/ImageObject\"> <a href=\"https:\/\/itayachtscanada.com\/fr\/listing\/marlow-53e-2020-2599000-usd-for-sale\/capture-decran-le-2025-01-24-a-14-46-06\/\" border=\"0\" itemprop=\"url\"> <meta itemprop=\"width\" content=\"463\"> <meta itemprop=\"height\" content=\"307\"> <img decoding=\"async\" class=\"\" data-attachment-id=\"201680\" data-orig-file=\"https:\/\/itayachtscanada.com\/wp-content\/uploads\/2025\/01\/Capture-decran-le-2025-01-24-a-14.46.06.jpg\" data-orig-size=\"1546,1024\" data-comments-opened=\"1\" data-image-meta=\"{&quot;aperture&quot;:&quot;0&quot;,&quot;credit&quot;:&quot;&quot;,&quot;camera&quot;:&quot;&quot;,&quot;caption&quot;:&quot;&quot;,&quot;created_timestamp&quot;:&quot;0&quot;,&quot;copyright&quot;:&quot;&quot;,&quot;focal_length&quot;:&quot;0&quot;,&quot;iso&quot;:&quot;0&quot;,&quot;shutter_speed&quot;:&quot;0&quot;,&quot;title&quot;:&quot;&quot;,&quot;orientation&quot;:&quot;0&quot;}\" data-image-title=\"Capture d\u2019e\u0301cran, le 2025-01-24 a\u0300 14.46.06\" data-image-description=\"\" data-medium-file=\"https:\/\/i0.wp.com\/itayachtscanada.com\/wp-content\/uploads\/2025\/01\/Capture-decran-le-2025-01-24-a-14.46.06.jpg?fit=300%2C199&#038;ssl=1\" data-large-file=\"https:\/\/i0.wp.com\/itayachtscanada.com\/wp-content\/uploads\/2025\/01\/Capture-decran-le-2025-01-24-a-14.46.06.jpg?fit=700%2C463&#038;ssl=1\" src=\"https:\/\/i0.wp.com\/itayachtscanada.com\/wp-content\/uploads\/2025\/01\/Capture-decran-le-2025-01-24-a-14.46.06.jpg?w=463&#038;h=307&#038;ssl=1\" srcset=\"https:\/\/i0.wp.com\/itayachtscanada.com\/wp-content\/uploads\/2025\/01\/Capture-decran-le-2025-01-24-a-14.46.06.jpg?w=1546&amp;ssl=1 1546w, https:\/\/i0.wp.com\/itayachtscanada.com\/wp-content\/uploads\/2025\/01\/Capture-decran-le-2025-01-24-a-14.46.06.jpg?resize=300%2C199&amp;ssl=1 300w, https:\/\/i0.wp.com\/itayachtscanada.com\/wp-content\/uploads\/2025\/01\/Capture-decran-le-2025-01-24-a-14.46.06.jpg?resize=1024%2C678&amp;ssl=1 1024w, https:\/\/i0.wp.com\/itayachtscanada.com\/wp-content\/uploads\/2025\/01\/Capture-decran-le-2025-01-24-a-14.46.06.jpg?resize=768%2C509&amp;ssl=1 768w, https:\/\/i0.wp.com\/itayachtscanada.com\/wp-content\/uploads\/2025\/01\/Capture-decran-le-2025-01-24-a-14.46.06.jpg?resize=1536%2C1017&amp;ssl=1 1536w, https:\/\/i0.wp.com\/itayachtscanada.com\/wp-content\/uploads\/2025\/01\/Capture-decran-le-2025-01-24-a-14.46.06.jpg?resize=700%2C464&amp;ssl=1 700w, https:\/\/i0.wp.com\/itayachtscanada.com\/wp-content\/uploads\/2025\/01\/Capture-decran-le-2025-01-24-a-14.46.06.jpg?resize=604%2C400&amp;ssl=1 604w, https:\/\/i0.wp.com\/itayachtscanada.com\/wp-content\/uploads\/2025\/01\/Capture-decran-le-2025-01-24-a-14.46.06.jpg?w=1400&amp;ssl=1 1400w\" width=\"463\" height=\"307\" loading=\"lazy\" data-original-width=\"463\" data-original-height=\"307\" itemprop=\"http:\/\/schema.org\/image\" title=\"Capture d\u2019e\u0301cran, le 2025-01-24 a\u0300 14.46.06\" alt=\"Capture d\u2019e\u0301cran, le 2025-01-24 a\u0300 14.46.06\" style=\"width: 463px; height: 307px;\" \/> <\/a> <\/div> <\/div> <!-- close group --> <div class=\"gallery-group images-2\" style=\"width: 233px; height: 311px;\" data-original-width=\"233\" data-original-height=\"311\" > <div class=\"tiled-gallery-item tiled-gallery-item-small\" itemprop=\"associatedMedia\" itemscope itemtype=\"http:\/\/schema.org\/ImageObject\"> <a href=\"https:\/\/itayachtscanada.com\/fr\/listing\/marlow-53e-2020-2599000-usd-for-sale\/capture-decran-le-2025-01-24-a-14-46-02\/\" border=\"0\" itemprop=\"url\"> <meta itemprop=\"width\" content=\"229\"> <meta itemprop=\"height\" content=\"152\"> <img decoding=\"async\" class=\"\" data-attachment-id=\"201681\" data-orig-file=\"https:\/\/itayachtscanada.com\/wp-content\/uploads\/2025\/01\/Capture-decran-le-2025-01-24-a-14.46.02.jpg\" data-orig-size=\"1546,1024\" data-comments-opened=\"1\" data-image-meta=\"{&quot;aperture&quot;:&quot;0&quot;,&quot;credit&quot;:&quot;&quot;,&quot;camera&quot;:&quot;&quot;,&quot;caption&quot;:&quot;&quot;,&quot;created_timestamp&quot;:&quot;0&quot;,&quot;copyright&quot;:&quot;&quot;,&quot;focal_length&quot;:&quot;0&quot;,&quot;iso&quot;:&quot;0&quot;,&quot;shutter_speed&quot;:&quot;0&quot;,&quot;title&quot;:&quot;&quot;,&quot;orientation&quot;:&quot;0&quot;}\" data-image-title=\"Capture d\u2019e\u0301cran, le 2025-01-24 a\u0300 14.46.02\" data-image-description=\"\" data-medium-file=\"https:\/\/i0.wp.com\/itayachtscanada.com\/wp-content\/uploads\/2025\/01\/Capture-decran-le-2025-01-24-a-14.46.02.jpg?fit=300%2C199&#038;ssl=1\" data-large-file=\"https:\/\/i0.wp.com\/itayachtscanada.com\/wp-content\/uploads\/2025\/01\/Capture-decran-le-2025-01-24-a-14.46.02.jpg?fit=700%2C463&#038;ssl=1\" src=\"https:\/\/i0.wp.com\/itayachtscanada.com\/wp-content\/uploads\/2025\/01\/Capture-decran-le-2025-01-24-a-14.46.02.jpg?w=229&#038;h=152&#038;ssl=1\" srcset=\"https:\/\/i0.wp.com\/itayachtscanada.com\/wp-content\/uploads\/2025\/01\/Capture-decran-le-2025-01-24-a-14.46.02.jpg?w=1546&amp;ssl=1 1546w, https:\/\/i0.wp.com\/itayachtscanada.com\/wp-content\/uploads\/2025\/01\/Capture-decran-le-2025-01-24-a-14.46.02.jpg?resize=300%2C199&amp;ssl=1 300w, https:\/\/i0.wp.com\/itayachtscanada.com\/wp-content\/uploads\/2025\/01\/Capture-decran-le-2025-01-24-a-14.46.02.jpg?resize=1024%2C678&amp;ssl=1 1024w, https:\/\/i0.wp.com\/itayachtscanada.com\/wp-content\/uploads\/2025\/01\/Capture-decran-le-2025-01-24-a-14.46.02.jpg?resize=768%2C509&amp;ssl=1 768w, https:\/\/i0.wp.com\/itayachtscanada.com\/wp-content\/uploads\/2025\/01\/Capture-decran-le-2025-01-24-a-14.46.02.jpg?resize=1536%2C1017&amp;ssl=1 1536w, https:\/\/i0.wp.com\/itayachtscanada.com\/wp-content\/uploads\/2025\/01\/Capture-decran-le-2025-01-24-a-14.46.02.jpg?resize=700%2C464&amp;ssl=1 700w, https:\/\/i0.wp.com\/itayachtscanada.com\/wp-content\/uploads\/2025\/01\/Capture-decran-le-2025-01-24-a-14.46.02.jpg?resize=900%2C600&amp;ssl=1 900w, https:\/\/i0.wp.com\/itayachtscanada.com\/wp-content\/uploads\/2025\/01\/Capture-decran-le-2025-01-24-a-14.46.02.jpg?resize=604%2C400&amp;ssl=1 604w, https:\/\/i0.wp.com\/itayachtscanada.com\/wp-content\/uploads\/2025\/01\/Capture-decran-le-2025-01-24-a-14.46.02.jpg?w=1400&amp;ssl=1 1400w\" width=\"229\" height=\"152\" loading=\"lazy\" data-original-width=\"229\" data-original-height=\"152\" itemprop=\"http:\/\/schema.org\/image\" title=\"Capture d\u2019e\u0301cran, le 2025-01-24 a\u0300 14.46.02\" alt=\"Capture d\u2019e\u0301cran, le 2025-01-24 a\u0300 14.46.02\" style=\"width: 229px; height: 152px;\" \/> <\/a> <\/div> <div class=\"tiled-gallery-item tiled-gallery-item-small\" itemprop=\"associatedMedia\" itemscope itemtype=\"http:\/\/schema.org\/ImageObject\"> <a href=\"https:\/\/itayachtscanada.com\/fr\/listing\/marlow-53e-2020-2599000-usd-for-sale\/capture-decran-le-2025-01-24-a-14-45-57\/\" border=\"0\" itemprop=\"url\"> <meta itemprop=\"width\" content=\"229\"> <meta itemprop=\"height\" content=\"151\"> <img decoding=\"async\" class=\"\" data-attachment-id=\"201682\" data-orig-file=\"https:\/\/itayachtscanada.com\/wp-content\/uploads\/2025\/01\/Capture-decran-le-2025-01-24-a-14.45.57.jpg\" data-orig-size=\"1546,1024\" data-comments-opened=\"1\" data-image-meta=\"{&quot;aperture&quot;:&quot;0&quot;,&quot;credit&quot;:&quot;&quot;,&quot;camera&quot;:&quot;&quot;,&quot;caption&quot;:&quot;&quot;,&quot;created_timestamp&quot;:&quot;0&quot;,&quot;copyright&quot;:&quot;&quot;,&quot;focal_length&quot;:&quot;0&quot;,&quot;iso&quot;:&quot;0&quot;,&quot;shutter_speed&quot;:&quot;0&quot;,&quot;title&quot;:&quot;&quot;,&quot;orientation&quot;:&quot;0&quot;}\" data-image-title=\"Capture d\u2019e\u0301cran, le 2025-01-24 a\u0300 14.45.57\" data-image-description=\"\" data-medium-file=\"https:\/\/i0.wp.com\/itayachtscanada.com\/wp-content\/uploads\/2025\/01\/Capture-decran-le-2025-01-24-a-14.45.57.jpg?fit=300%2C199&#038;ssl=1\" data-large-file=\"https:\/\/i0.wp.com\/itayachtscanada.com\/wp-content\/uploads\/2025\/01\/Capture-decran-le-2025-01-24-a-14.45.57.jpg?fit=700%2C463&#038;ssl=1\" src=\"https:\/\/i0.wp.com\/itayachtscanada.com\/wp-content\/uploads\/2025\/01\/Capture-decran-le-2025-01-24-a-14.45.57.jpg?w=229&#038;h=151&#038;ssl=1\" srcset=\"https:\/\/i0.wp.com\/itayachtscanada.com\/wp-content\/uploads\/2025\/01\/Capture-decran-le-2025-01-24-a-14.45.57.jpg?w=1546&amp;ssl=1 1546w, https:\/\/i0.wp.com\/itayachtscanada.com\/wp-content\/uploads\/2025\/01\/Capture-decran-le-2025-01-24-a-14.45.57.jpg?resize=300%2C199&amp;ssl=1 300w, https:\/\/i0.wp.com\/itayachtscanada.com\/wp-content\/uploads\/2025\/01\/Capture-decran-le-2025-01-24-a-14.45.57.jpg?resize=1024%2C678&amp;ssl=1 1024w, https:\/\/i0.wp.com\/itayachtscanada.com\/wp-content\/uploads\/2025\/01\/Capture-decran-le-2025-01-24-a-14.45.57.jpg?resize=768%2C509&amp;ssl=1 768w, https:\/\/i0.wp.com\/itayachtscanada.com\/wp-content\/uploads\/2025\/01\/Capture-decran-le-2025-01-24-a-14.45.57.jpg?resize=1536%2C1017&amp;ssl=1 1536w, https:\/\/i0.wp.com\/itayachtscanada.com\/wp-content\/uploads\/2025\/01\/Capture-decran-le-2025-01-24-a-14.45.57.jpg?resize=700%2C464&amp;ssl=1 700w, https:\/\/i0.wp.com\/itayachtscanada.com\/wp-content\/uploads\/2025\/01\/Capture-decran-le-2025-01-24-a-14.45.57.jpg?resize=604%2C400&amp;ssl=1 604w, https:\/\/i0.wp.com\/itayachtscanada.com\/wp-content\/uploads\/2025\/01\/Capture-decran-le-2025-01-24-a-14.45.57.jpg?w=1400&amp;ssl=1 1400w\" width=\"229\" height=\"151\" loading=\"lazy\" data-original-width=\"229\" data-original-height=\"151\" itemprop=\"http:\/\/schema.org\/image\" title=\"Capture d\u2019e\u0301cran, le 2025-01-24 a\u0300 14.45.57\" alt=\"Capture d\u2019e\u0301cran, le 2025-01-24 a\u0300 14.45.57\" style=\"width: 229px; height: 151px;\" \/> <\/a> <\/div> <\/div> <!-- close group --> <\/div> <!-- close row --> <div class=\"gallery-row\" style=\"width: 700px; height: 322px;\" data-original-width=\"700\" data-original-height=\"322\" > <div class=\"gallery-group images-1\" style=\"width: 484px; height: 322px;\" data-original-width=\"484\" data-original-height=\"322\" > <div class=\"tiled-gallery-item tiled-gallery-item-large\" itemprop=\"associatedMedia\" itemscope itemtype=\"http:\/\/schema.org\/ImageObject\"> <a href=\"https:\/\/itayachtscanada.com\/fr\/listing\/marlow-53e-2020-2599000-usd-for-sale\/capture-decran-le-2025-01-24-a-14-45-49\/\" border=\"0\" itemprop=\"url\"> <meta itemprop=\"width\" content=\"480\"> <meta itemprop=\"height\" content=\"318\"> <img decoding=\"async\" class=\"\" data-attachment-id=\"201683\" data-orig-file=\"https:\/\/itayachtscanada.com\/wp-content\/uploads\/2025\/01\/Capture-decran-le-2025-01-24-a-14.45.49.jpg\" data-orig-size=\"1546,1024\" data-comments-opened=\"1\" data-image-meta=\"{&quot;aperture&quot;:&quot;0&quot;,&quot;credit&quot;:&quot;&quot;,&quot;camera&quot;:&quot;&quot;,&quot;caption&quot;:&quot;&quot;,&quot;created_timestamp&quot;:&quot;0&quot;,&quot;copyright&quot;:&quot;&quot;,&quot;focal_length&quot;:&quot;0&quot;,&quot;iso&quot;:&quot;0&quot;,&quot;shutter_speed&quot;:&quot;0&quot;,&quot;title&quot;:&quot;&quot;,&quot;orientation&quot;:&quot;0&quot;}\" data-image-title=\"Capture d\u2019e\u0301cran, le 2025-01-24 a\u0300 14.45.49\" data-image-description=\"\" data-medium-file=\"https:\/\/i0.wp.com\/itayachtscanada.com\/wp-content\/uploads\/2025\/01\/Capture-decran-le-2025-01-24-a-14.45.49.jpg?fit=300%2C199&#038;ssl=1\" data-large-file=\"https:\/\/i0.wp.com\/itayachtscanada.com\/wp-content\/uploads\/2025\/01\/Capture-decran-le-2025-01-24-a-14.45.49.jpg?fit=700%2C463&#038;ssl=1\" src=\"https:\/\/i0.wp.com\/itayachtscanada.com\/wp-content\/uploads\/2025\/01\/Capture-decran-le-2025-01-24-a-14.45.49.jpg?w=480&#038;h=318&#038;ssl=1\" srcset=\"https:\/\/i0.wp.com\/itayachtscanada.com\/wp-content\/uploads\/2025\/01\/Capture-decran-le-2025-01-24-a-14.45.49.jpg?w=1546&amp;ssl=1 1546w, https:\/\/i0.wp.com\/itayachtscanada.com\/wp-content\/uploads\/2025\/01\/Capture-decran-le-2025-01-24-a-14.45.49.jpg?resize=300%2C199&amp;ssl=1 300w, https:\/\/i0.wp.com\/itayachtscanada.com\/wp-content\/uploads\/2025\/01\/Capture-decran-le-2025-01-24-a-14.45.49.jpg?resize=1024%2C678&amp;ssl=1 1024w, https:\/\/i0.wp.com\/itayachtscanada.com\/wp-content\/uploads\/2025\/01\/Capture-decran-le-2025-01-24-a-14.45.49.jpg?resize=768%2C509&amp;ssl=1 768w, https:\/\/i0.wp.com\/itayachtscanada.com\/wp-content\/uploads\/2025\/01\/Capture-decran-le-2025-01-24-a-14.45.49.jpg?resize=1536%2C1017&amp;ssl=1 1536w, https:\/\/i0.wp.com\/itayachtscanada.com\/wp-content\/uploads\/2025\/01\/Capture-decran-le-2025-01-24-a-14.45.49.jpg?resize=700%2C464&amp;ssl=1 700w, https:\/\/i0.wp.com\/itayachtscanada.com\/wp-content\/uploads\/2025\/01\/Capture-decran-le-2025-01-24-a-14.45.49.jpg?resize=604%2C400&amp;ssl=1 604w, https:\/\/i0.wp.com\/itayachtscanada.com\/wp-content\/uploads\/2025\/01\/Capture-decran-le-2025-01-24-a-14.45.49.jpg?w=1400&amp;ssl=1 1400w\" width=\"480\" height=\"318\" loading=\"lazy\" data-original-width=\"480\" data-original-height=\"318\" itemprop=\"http:\/\/schema.org\/image\" title=\"Capture d\u2019e\u0301cran, le 2025-01-24 a\u0300 14.45.49\" alt=\"Capture d\u2019e\u0301cran, le 2025-01-24 a\u0300 14.45.49\" style=\"width: 480px; height: 318px;\" \/> <\/a> <\/div> <\/div> <!-- close group --> <div class=\"gallery-group images-1\" style=\"width: 216px; height: 322px;\" data-original-width=\"216\" data-original-height=\"322\" > <div class=\"tiled-gallery-item tiled-gallery-item-small\" itemprop=\"associatedMedia\" itemscope itemtype=\"http:\/\/schema.org\/ImageObject\"> <a href=\"https:\/\/itayachtscanada.com\/fr\/listing\/marlow-53e-2020-2599000-usd-for-sale\/capture-decran-le-2025-01-24-a-14-45-41\/\" border=\"0\" itemprop=\"url\"> <meta itemprop=\"width\" content=\"212\"> <meta itemprop=\"height\" content=\"318\"> <img decoding=\"async\" class=\"\" data-attachment-id=\"201684\" data-orig-file=\"https:\/\/itayachtscanada.com\/wp-content\/uploads\/2025\/01\/Capture-decran-le-2025-01-24-a-14.45.41.jpg\" data-orig-size=\"684,1024\" data-comments-opened=\"1\" data-image-meta=\"{&quot;aperture&quot;:&quot;0&quot;,&quot;credit&quot;:&quot;&quot;,&quot;camera&quot;:&quot;&quot;,&quot;caption&quot;:&quot;&quot;,&quot;created_timestamp&quot;:&quot;0&quot;,&quot;copyright&quot;:&quot;&quot;,&quot;focal_length&quot;:&quot;0&quot;,&quot;iso&quot;:&quot;0&quot;,&quot;shutter_speed&quot;:&quot;0&quot;,&quot;title&quot;:&quot;&quot;,&quot;orientation&quot;:&quot;0&quot;}\" data-image-title=\"Capture d\u2019e\u0301cran, le 2025-01-24 a\u0300 14.45.41\" data-image-description=\"\" data-medium-file=\"https:\/\/i0.wp.com\/itayachtscanada.com\/wp-content\/uploads\/2025\/01\/Capture-decran-le-2025-01-24-a-14.45.41.jpg?fit=200%2C300&#038;ssl=1\" data-large-file=\"https:\/\/i0.wp.com\/itayachtscanada.com\/wp-content\/uploads\/2025\/01\/Capture-decran-le-2025-01-24-a-14.45.41.jpg?fit=684%2C1024&#038;ssl=1\" src=\"https:\/\/i0.wp.com\/itayachtscanada.com\/wp-content\/uploads\/2025\/01\/Capture-decran-le-2025-01-24-a-14.45.41.jpg?w=212&#038;h=318&#038;ssl=1\" srcset=\"https:\/\/i0.wp.com\/itayachtscanada.com\/wp-content\/uploads\/2025\/01\/Capture-decran-le-2025-01-24-a-14.45.41.jpg?w=684&amp;ssl=1 684w, https:\/\/i0.wp.com\/itayachtscanada.com\/wp-content\/uploads\/2025\/01\/Capture-decran-le-2025-01-24-a-14.45.41.jpg?resize=200%2C300&amp;ssl=1 200w, https:\/\/i0.wp.com\/itayachtscanada.com\/wp-content\/uploads\/2025\/01\/Capture-decran-le-2025-01-24-a-14.45.41.jpg?resize=267%2C400&amp;ssl=1 267w\" width=\"212\" height=\"318\" loading=\"lazy\" data-original-width=\"212\" data-original-height=\"318\" itemprop=\"http:\/\/schema.org\/image\" title=\"Capture d\u2019e\u0301cran, le 2025-01-24 a\u0300 14.45.41\" alt=\"Capture d\u2019e\u0301cran, le 2025-01-24 a\u0300 14.45.41\" style=\"width: 212px; height: 318px;\" \/> <\/a> <\/div> <\/div> <!-- close group --> <\/div> <!-- close row --> <div class=\"gallery-row\" style=\"width: 700px; height: 322px;\" data-original-width=\"700\" data-original-height=\"322\" > <div class=\"gallery-group images-1\" style=\"width: 485px; height: 322px;\" data-original-width=\"485\" data-original-height=\"322\" > <div class=\"tiled-gallery-item tiled-gallery-item-large\" itemprop=\"associatedMedia\" itemscope itemtype=\"http:\/\/schema.org\/ImageObject\"> <a href=\"https:\/\/itayachtscanada.com\/fr\/listing\/marlow-53e-2020-2599000-usd-for-sale\/capture-decran-le-2025-01-24-a-14-45-32\/\" border=\"0\" itemprop=\"url\"> <meta itemprop=\"width\" content=\"481\"> <meta itemprop=\"height\" content=\"318\"> <img decoding=\"async\" class=\"\" data-attachment-id=\"201685\" data-orig-file=\"https:\/\/itayachtscanada.com\/wp-content\/uploads\/2025\/01\/Capture-decran-le-2025-01-24-a-14.45.32.jpg\" data-orig-size=\"1548,1024\" data-comments-opened=\"1\" data-image-meta=\"{&quot;aperture&quot;:&quot;0&quot;,&quot;credit&quot;:&quot;&quot;,&quot;camera&quot;:&quot;&quot;,&quot;caption&quot;:&quot;&quot;,&quot;created_timestamp&quot;:&quot;0&quot;,&quot;copyright&quot;:&quot;&quot;,&quot;focal_length&quot;:&quot;0&quot;,&quot;iso&quot;:&quot;0&quot;,&quot;shutter_speed&quot;:&quot;0&quot;,&quot;title&quot;:&quot;&quot;,&quot;orientation&quot;:&quot;0&quot;}\" data-image-title=\"Capture d\u2019e\u0301cran, le 2025-01-24 a\u0300 14.45.32\" data-image-description=\"\" data-medium-file=\"https:\/\/i0.wp.com\/itayachtscanada.com\/wp-content\/uploads\/2025\/01\/Capture-decran-le-2025-01-24-a-14.45.32.jpg?fit=300%2C198&#038;ssl=1\" data-large-file=\"https:\/\/i0.wp.com\/itayachtscanada.com\/wp-content\/uploads\/2025\/01\/Capture-decran-le-2025-01-24-a-14.45.32.jpg?fit=700%2C463&#038;ssl=1\" src=\"https:\/\/i0.wp.com\/itayachtscanada.com\/wp-content\/uploads\/2025\/01\/Capture-decran-le-2025-01-24-a-14.45.32.jpg?w=481&#038;h=318&#038;ssl=1\" srcset=\"https:\/\/i0.wp.com\/itayachtscanada.com\/wp-content\/uploads\/2025\/01\/Capture-decran-le-2025-01-24-a-14.45.32.jpg?w=1548&amp;ssl=1 1548w, https:\/\/i0.wp.com\/itayachtscanada.com\/wp-content\/uploads\/2025\/01\/Capture-decran-le-2025-01-24-a-14.45.32.jpg?resize=300%2C198&amp;ssl=1 300w, https:\/\/i0.wp.com\/itayachtscanada.com\/wp-content\/uploads\/2025\/01\/Capture-decran-le-2025-01-24-a-14.45.32.jpg?resize=1024%2C677&amp;ssl=1 1024w, https:\/\/i0.wp.com\/itayachtscanada.com\/wp-content\/uploads\/2025\/01\/Capture-decran-le-2025-01-24-a-14.45.32.jpg?resize=768%2C508&amp;ssl=1 768w, https:\/\/i0.wp.com\/itayachtscanada.com\/wp-content\/uploads\/2025\/01\/Capture-decran-le-2025-01-24-a-14.45.32.jpg?resize=1536%2C1016&amp;ssl=1 1536w, https:\/\/i0.wp.com\/itayachtscanada.com\/wp-content\/uploads\/2025\/01\/Capture-decran-le-2025-01-24-a-14.45.32.jpg?resize=700%2C463&amp;ssl=1 700w, https:\/\/i0.wp.com\/itayachtscanada.com\/wp-content\/uploads\/2025\/01\/Capture-decran-le-2025-01-24-a-14.45.32.jpg?resize=605%2C400&amp;ssl=1 605w, https:\/\/i0.wp.com\/itayachtscanada.com\/wp-content\/uploads\/2025\/01\/Capture-decran-le-2025-01-24-a-14.45.32.jpg?w=1400&amp;ssl=1 1400w\" width=\"481\" height=\"318\" loading=\"lazy\" data-original-width=\"481\" data-original-height=\"318\" itemprop=\"http:\/\/schema.org\/image\" title=\"Capture d\u2019e\u0301cran, le 2025-01-24 a\u0300 14.45.32\" alt=\"Capture d\u2019e\u0301cran, le 2025-01-24 a\u0300 14.45.32\" style=\"width: 481px; height: 318px;\" \/> <\/a> <\/div> <\/div> <!-- close group --> <div class=\"gallery-group images-1\" style=\"width: 215px; height: 322px;\" data-original-width=\"215\" data-original-height=\"322\" > <div class=\"tiled-gallery-item tiled-gallery-item-small\" itemprop=\"associatedMedia\" itemscope itemtype=\"http:\/\/schema.org\/ImageObject\"> <a href=\"https:\/\/itayachtscanada.com\/fr\/listing\/marlow-53e-2020-2599000-usd-for-sale\/capture-decran-le-2025-01-24-a-14-45-23\/\" border=\"0\" itemprop=\"url\"> <meta itemprop=\"width\" content=\"211\"> <meta itemprop=\"height\" content=\"318\"> <img decoding=\"async\" class=\"\" data-attachment-id=\"201686\" data-orig-file=\"https:\/\/itayachtscanada.com\/wp-content\/uploads\/2025\/01\/Capture-decran-le-2025-01-24-a-14.45.23.jpg\" data-orig-size=\"678,1024\" data-comments-opened=\"1\" data-image-meta=\"{&quot;aperture&quot;:&quot;0&quot;,&quot;credit&quot;:&quot;&quot;,&quot;camera&quot;:&quot;&quot;,&quot;caption&quot;:&quot;&quot;,&quot;created_timestamp&quot;:&quot;0&quot;,&quot;copyright&quot;:&quot;&quot;,&quot;focal_length&quot;:&quot;0&quot;,&quot;iso&quot;:&quot;0&quot;,&quot;shutter_speed&quot;:&quot;0&quot;,&quot;title&quot;:&quot;&quot;,&quot;orientation&quot;:&quot;0&quot;}\" data-image-title=\"Capture d\u2019e\u0301cran, le 2025-01-24 a\u0300 14.45.23\" data-image-description=\"\" data-medium-file=\"https:\/\/i0.wp.com\/itayachtscanada.com\/wp-content\/uploads\/2025\/01\/Capture-decran-le-2025-01-24-a-14.45.23.jpg?fit=199%2C300&#038;ssl=1\" data-large-file=\"https:\/\/i0.wp.com\/itayachtscanada.com\/wp-content\/uploads\/2025\/01\/Capture-decran-le-2025-01-24-a-14.45.23.jpg?fit=678%2C1024&#038;ssl=1\" src=\"https:\/\/i0.wp.com\/itayachtscanada.com\/wp-content\/uploads\/2025\/01\/Capture-decran-le-2025-01-24-a-14.45.23.jpg?w=211&#038;h=318&#038;ssl=1\" srcset=\"https:\/\/i0.wp.com\/itayachtscanada.com\/wp-content\/uploads\/2025\/01\/Capture-decran-le-2025-01-24-a-14.45.23.jpg?w=678&amp;ssl=1 678w, https:\/\/i0.wp.com\/itayachtscanada.com\/wp-content\/uploads\/2025\/01\/Capture-decran-le-2025-01-24-a-14.45.23.jpg?resize=199%2C300&amp;ssl=1 199w, https:\/\/i0.wp.com\/itayachtscanada.com\/wp-content\/uploads\/2025\/01\/Capture-decran-le-2025-01-24-a-14.45.23.jpg?resize=265%2C400&amp;ssl=1 265w\" width=\"211\" height=\"318\" loading=\"lazy\" data-original-width=\"211\" data-original-height=\"318\" itemprop=\"http:\/\/schema.org\/image\" title=\"Capture d\u2019e\u0301cran, le 2025-01-24 a\u0300 14.45.23\" alt=\"Capture d\u2019e\u0301cran, le 2025-01-24 a\u0300 14.45.23\" style=\"width: 211px; height: 318px;\" \/> <\/a> <\/div> <\/div> <!-- close group --> <\/div> <!-- close row --> <div class=\"gallery-row\" style=\"width: 700px; height: 225px;\" data-original-width=\"700\" data-original-height=\"225\" > <div class=\"gallery-group images-1\" style=\"width: 329px; height: 225px;\" data-original-width=\"329\" data-original-height=\"225\" > <div class=\"tiled-gallery-item tiled-gallery-item-large\" itemprop=\"associatedMedia\" itemscope itemtype=\"http:\/\/schema.org\/ImageObject\"> <a href=\"https:\/\/itayachtscanada.com\/fr\/listing\/marlow-53e-2020-2599000-usd-for-sale\/layout-marlow-53e-flybridge-deck-et-profil\/\" border=\"0\" itemprop=\"url\"> <meta itemprop=\"width\" content=\"325\"> <meta itemprop=\"height\" content=\"221\"> <img decoding=\"async\" class=\"\" data-attachment-id=\"201635\" data-orig-file=\"https:\/\/itayachtscanada.com\/wp-content\/uploads\/2025\/01\/Layout-Marlow-53E-flybridge-deck-et-profil-.jpg\" data-orig-size=\"2070,1408\" data-comments-opened=\"1\" data-image-meta=\"{&quot;aperture&quot;:&quot;0&quot;,&quot;credit&quot;:&quot;&quot;,&quot;camera&quot;:&quot;&quot;,&quot;caption&quot;:&quot;&quot;,&quot;created_timestamp&quot;:&quot;0&quot;,&quot;copyright&quot;:&quot;&quot;,&quot;focal_length&quot;:&quot;0&quot;,&quot;iso&quot;:&quot;0&quot;,&quot;shutter_speed&quot;:&quot;0&quot;,&quot;title&quot;:&quot;&quot;,&quot;orientation&quot;:&quot;0&quot;}\" data-image-title=\"Layout Marlow 53E flybridge deck et profil\" data-image-description=\"\" data-medium-file=\"https:\/\/i0.wp.com\/itayachtscanada.com\/wp-content\/uploads\/2025\/01\/Layout-Marlow-53E-flybridge-deck-et-profil-.jpg?fit=300%2C204&#038;ssl=1\" data-large-file=\"https:\/\/i0.wp.com\/itayachtscanada.com\/wp-content\/uploads\/2025\/01\/Layout-Marlow-53E-flybridge-deck-et-profil-.jpg?fit=700%2C476&#038;ssl=1\" src=\"https:\/\/i0.wp.com\/itayachtscanada.com\/wp-content\/uploads\/2025\/01\/Layout-Marlow-53E-flybridge-deck-et-profil-.jpg?w=325&#038;h=221&#038;ssl=1\" srcset=\"https:\/\/i0.wp.com\/itayachtscanada.com\/wp-content\/uploads\/2025\/01\/Layout-Marlow-53E-flybridge-deck-et-profil-.jpg?w=2070&amp;ssl=1 2070w, https:\/\/i0.wp.com\/itayachtscanada.com\/wp-content\/uploads\/2025\/01\/Layout-Marlow-53E-flybridge-deck-et-profil-.jpg?resize=300%2C204&amp;ssl=1 300w, https:\/\/i0.wp.com\/itayachtscanada.com\/wp-content\/uploads\/2025\/01\/Layout-Marlow-53E-flybridge-deck-et-profil-.jpg?resize=1024%2C697&amp;ssl=1 1024w, https:\/\/i0.wp.com\/itayachtscanada.com\/wp-content\/uploads\/2025\/01\/Layout-Marlow-53E-flybridge-deck-et-profil-.jpg?resize=768%2C522&amp;ssl=1 768w, https:\/\/i0.wp.com\/itayachtscanada.com\/wp-content\/uploads\/2025\/01\/Layout-Marlow-53E-flybridge-deck-et-profil-.jpg?resize=1536%2C1045&amp;ssl=1 1536w, https:\/\/i0.wp.com\/itayachtscanada.com\/wp-content\/uploads\/2025\/01\/Layout-Marlow-53E-flybridge-deck-et-profil-.jpg?resize=2048%2C1393&amp;ssl=1 2048w, https:\/\/i0.wp.com\/itayachtscanada.com\/wp-content\/uploads\/2025\/01\/Layout-Marlow-53E-flybridge-deck-et-profil-.jpg?resize=700%2C476&amp;ssl=1 700w, https:\/\/i0.wp.com\/itayachtscanada.com\/wp-content\/uploads\/2025\/01\/Layout-Marlow-53E-flybridge-deck-et-profil-.jpg?resize=2000%2C1360&amp;ssl=1 2000w, https:\/\/i0.wp.com\/itayachtscanada.com\/wp-content\/uploads\/2025\/01\/Layout-Marlow-53E-flybridge-deck-et-profil-.jpg?resize=588%2C400&amp;ssl=1 588w, https:\/\/i0.wp.com\/itayachtscanada.com\/wp-content\/uploads\/2025\/01\/Layout-Marlow-53E-flybridge-deck-et-profil-.jpg?w=1400&amp;ssl=1 1400w\" width=\"325\" height=\"221\" loading=\"lazy\" data-original-width=\"325\" data-original-height=\"221\" itemprop=\"http:\/\/schema.org\/image\" title=\"Layout Marlow 53E flybridge deck et profil\" alt=\"Layout Marlow 53E flybridge deck et profil\" style=\"width: 325px; height: 221px;\" \/> <\/a> <\/div> <\/div> <!-- close group --> <div class=\"gallery-group images-1\" style=\"width: 371px; height: 225px;\" data-original-width=\"371\" data-original-height=\"225\" > <div class=\"tiled-gallery-item tiled-gallery-item-large\" itemprop=\"associatedMedia\" itemscope itemtype=\"http:\/\/schema.org\/ImageObject\"> <a href=\"https:\/\/itayachtscanada.com\/fr\/listing\/marlow-53e-2020-2599000-usd-for-sale\/layout-marlow-53e-main-lower-deck\/\" border=\"0\" itemprop=\"url\"> <meta itemprop=\"width\" content=\"367\"> <meta itemprop=\"height\" content=\"221\"> <img decoding=\"async\" class=\"\" data-attachment-id=\"201634\" data-orig-file=\"https:\/\/itayachtscanada.com\/wp-content\/uploads\/2025\/01\/Layout-Marlow-53E-main-lower-deck.jpg\" data-orig-size=\"2070,1250\" data-comments-opened=\"1\" data-image-meta=\"{&quot;aperture&quot;:&quot;0&quot;,&quot;credit&quot;:&quot;&quot;,&quot;camera&quot;:&quot;&quot;,&quot;caption&quot;:&quot;&quot;,&quot;created_timestamp&quot;:&quot;0&quot;,&quot;copyright&quot;:&quot;&quot;,&quot;focal_length&quot;:&quot;0&quot;,&quot;iso&quot;:&quot;0&quot;,&quot;shutter_speed&quot;:&quot;0&quot;,&quot;title&quot;:&quot;&quot;,&quot;orientation&quot;:&quot;0&quot;}\" data-image-title=\"Layout Marlow 53E main &amp;#038; lower deck\" data-image-description=\"\" data-medium-file=\"https:\/\/i0.wp.com\/itayachtscanada.com\/wp-content\/uploads\/2025\/01\/Layout-Marlow-53E-main-lower-deck.jpg?fit=300%2C181&#038;ssl=1\" data-large-file=\"https:\/\/i0.wp.com\/itayachtscanada.com\/wp-content\/uploads\/2025\/01\/Layout-Marlow-53E-main-lower-deck.jpg?fit=700%2C422&#038;ssl=1\" src=\"https:\/\/i0.wp.com\/itayachtscanada.com\/wp-content\/uploads\/2025\/01\/Layout-Marlow-53E-main-lower-deck.jpg?w=367&#038;h=221&#038;ssl=1\" srcset=\"https:\/\/i0.wp.com\/itayachtscanada.com\/wp-content\/uploads\/2025\/01\/Layout-Marlow-53E-main-lower-deck.jpg?w=2070&amp;ssl=1 2070w, https:\/\/i0.wp.com\/itayachtscanada.com\/wp-content\/uploads\/2025\/01\/Layout-Marlow-53E-main-lower-deck.jpg?resize=300%2C181&amp;ssl=1 300w, https:\/\/i0.wp.com\/itayachtscanada.com\/wp-content\/uploads\/2025\/01\/Layout-Marlow-53E-main-lower-deck.jpg?resize=1024%2C618&amp;ssl=1 1024w, https:\/\/i0.wp.com\/itayachtscanada.com\/wp-content\/uploads\/2025\/01\/Layout-Marlow-53E-main-lower-deck.jpg?resize=768%2C464&amp;ssl=1 768w, https:\/\/i0.wp.com\/itayachtscanada.com\/wp-content\/uploads\/2025\/01\/Layout-Marlow-53E-main-lower-deck.jpg?resize=1536%2C928&amp;ssl=1 1536w, https:\/\/i0.wp.com\/itayachtscanada.com\/wp-content\/uploads\/2025\/01\/Layout-Marlow-53E-main-lower-deck.jpg?resize=2048%2C1237&amp;ssl=1 2048w, https:\/\/i0.wp.com\/itayachtscanada.com\/wp-content\/uploads\/2025\/01\/Layout-Marlow-53E-main-lower-deck.jpg?resize=2000%2C1208&amp;ssl=1 2000w, https:\/\/i0.wp.com\/itayachtscanada.com\/wp-content\/uploads\/2025\/01\/Layout-Marlow-53E-main-lower-deck.jpg?resize=700%2C423&amp;ssl=1 700w, https:\/\/i0.wp.com\/itayachtscanada.com\/wp-content\/uploads\/2025\/01\/Layout-Marlow-53E-main-lower-deck.jpg?resize=662%2C400&amp;ssl=1 662w, https:\/\/i0.wp.com\/itayachtscanada.com\/wp-content\/uploads\/2025\/01\/Layout-Marlow-53E-main-lower-deck.jpg?w=1400&amp;ssl=1 1400w\" width=\"367\" height=\"221\" loading=\"lazy\" data-original-width=\"367\" data-original-height=\"221\" itemprop=\"http:\/\/schema.org\/image\" title=\"Layout Marlow 53E main &amp; lower deck\" alt=\"Layout Marlow 53E main &amp; lower deck\" style=\"width: 367px; height: 221px;\" \/> <\/a> <\/div> <\/div> <!-- close group --> <\/div> <!-- close row --> <div class=\"gallery-row\" style=\"width: 700px; height: 249px;\" data-original-width=\"700\" data-original-height=\"249\" > <div class=\"gallery-group images-1\" style=\"width: 700px; height: 249px;\" data-original-width=\"700\" data-original-height=\"249\" > <div class=\"tiled-gallery-item tiled-gallery-item-large\" itemprop=\"associatedMedia\" itemscope itemtype=\"http:\/\/schema.org\/ImageObject\"> <a href=\"https:\/\/itayachtscanada.com\/fr\/listing\/marlow-53e-2020-2599000-usd-for-sale\/layout-marlow-5e-lower-deck\/\" border=\"0\" itemprop=\"url\"> <meta itemprop=\"width\" content=\"696\"> <meta itemprop=\"height\" content=\"245\"> <img decoding=\"async\" class=\"\" data-attachment-id=\"201633\" data-orig-file=\"https:\/\/itayachtscanada.com\/wp-content\/uploads\/2025\/01\/Layout-Marlow-5E-lower-deck.jpg\" data-orig-size=\"1046,368\" data-comments-opened=\"1\" data-image-meta=\"{&quot;aperture&quot;:&quot;0&quot;,&quot;credit&quot;:&quot;&quot;,&quot;camera&quot;:&quot;&quot;,&quot;caption&quot;:&quot;&quot;,&quot;created_timestamp&quot;:&quot;0&quot;,&quot;copyright&quot;:&quot;&quot;,&quot;focal_length&quot;:&quot;0&quot;,&quot;iso&quot;:&quot;0&quot;,&quot;shutter_speed&quot;:&quot;0&quot;,&quot;title&quot;:&quot;&quot;,&quot;orientation&quot;:&quot;0&quot;}\" data-image-title=\"Layout Marlow 5E lower deck\" data-image-description=\"\" data-medium-file=\"https:\/\/i0.wp.com\/itayachtscanada.com\/wp-content\/uploads\/2025\/01\/Layout-Marlow-5E-lower-deck.jpg?fit=300%2C106&#038;ssl=1\" data-large-file=\"https:\/\/i0.wp.com\/itayachtscanada.com\/wp-content\/uploads\/2025\/01\/Layout-Marlow-5E-lower-deck.jpg?fit=700%2C246&#038;ssl=1\" src=\"https:\/\/i0.wp.com\/itayachtscanada.com\/wp-content\/uploads\/2025\/01\/Layout-Marlow-5E-lower-deck.jpg?w=696&#038;h=245&#038;ssl=1\" srcset=\"https:\/\/i0.wp.com\/itayachtscanada.com\/wp-content\/uploads\/2025\/01\/Layout-Marlow-5E-lower-deck.jpg?w=1046&amp;ssl=1 1046w, https:\/\/i0.wp.com\/itayachtscanada.com\/wp-content\/uploads\/2025\/01\/Layout-Marlow-5E-lower-deck.jpg?resize=300%2C106&amp;ssl=1 300w, https:\/\/i0.wp.com\/itayachtscanada.com\/wp-content\/uploads\/2025\/01\/Layout-Marlow-5E-lower-deck.jpg?resize=1024%2C360&amp;ssl=1 1024w, https:\/\/i0.wp.com\/itayachtscanada.com\/wp-content\/uploads\/2025\/01\/Layout-Marlow-5E-lower-deck.jpg?resize=768%2C270&amp;ssl=1 768w, https:\/\/i0.wp.com\/itayachtscanada.com\/wp-content\/uploads\/2025\/01\/Layout-Marlow-5E-lower-deck.jpg?resize=700%2C246&amp;ssl=1 700w\" width=\"696\" height=\"245\" loading=\"lazy\" data-original-width=\"696\" data-original-height=\"245\" itemprop=\"http:\/\/schema.org\/image\" title=\"Layout Marlow 5E lower deck\" alt=\"Layout Marlow 5E lower deck\" style=\"width: 696px; height: 245px;\" \/> <\/a> <\/div> <\/div> <!-- close group --> <\/div> <!-- close row --> <div class=\"gallery-row\" style=\"width: 700px; height: 312px;\" data-original-width=\"700\" data-original-height=\"312\" > <div class=\"gallery-group images-1\" style=\"width: 467px; height: 312px;\" data-original-width=\"467\" data-original-height=\"312\" > <div class=\"tiled-gallery-item tiled-gallery-item-large\" itemprop=\"associatedMedia\" itemscope itemtype=\"http:\/\/schema.org\/ImageObject\"> <a href=\"https:\/\/itayachtscanada.com\/fr\/listing\/marlow-53e-2020-2599000-usd-for-sale\/capture-decran-le-2025-01-24-a-14-45-20\/\" border=\"0\" itemprop=\"url\"> <meta itemprop=\"width\" content=\"463\"> <meta itemprop=\"height\" content=\"308\"> <img decoding=\"async\" class=\"\" data-attachment-id=\"201687\" data-orig-file=\"https:\/\/itayachtscanada.com\/wp-content\/uploads\/2025\/01\/Capture-decran-le-2025-01-24-a-14.45.20.jpg\" data-orig-size=\"1540,1024\" data-comments-opened=\"1\" data-image-meta=\"{&quot;aperture&quot;:&quot;0&quot;,&quot;credit&quot;:&quot;&quot;,&quot;camera&quot;:&quot;&quot;,&quot;caption&quot;:&quot;&quot;,&quot;created_timestamp&quot;:&quot;0&quot;,&quot;copyright&quot;:&quot;&quot;,&quot;focal_length&quot;:&quot;0&quot;,&quot;iso&quot;:&quot;0&quot;,&quot;shutter_speed&quot;:&quot;0&quot;,&quot;title&quot;:&quot;&quot;,&quot;orientation&quot;:&quot;0&quot;}\" data-image-title=\"Capture d\u2019e\u0301cran, le 2025-01-24 a\u0300 14.45.20\" data-image-description=\"\" data-medium-file=\"https:\/\/i0.wp.com\/itayachtscanada.com\/wp-content\/uploads\/2025\/01\/Capture-decran-le-2025-01-24-a-14.45.20.jpg?fit=300%2C199&#038;ssl=1\" data-large-file=\"https:\/\/i0.wp.com\/itayachtscanada.com\/wp-content\/uploads\/2025\/01\/Capture-decran-le-2025-01-24-a-14.45.20.jpg?fit=700%2C466&#038;ssl=1\" src=\"https:\/\/i0.wp.com\/itayachtscanada.com\/wp-content\/uploads\/2025\/01\/Capture-decran-le-2025-01-24-a-14.45.20.jpg?w=463&#038;h=308&#038;ssl=1\" srcset=\"https:\/\/i0.wp.com\/itayachtscanada.com\/wp-content\/uploads\/2025\/01\/Capture-decran-le-2025-01-24-a-14.45.20.jpg?w=1540&amp;ssl=1 1540w, https:\/\/i0.wp.com\/itayachtscanada.com\/wp-content\/uploads\/2025\/01\/Capture-decran-le-2025-01-24-a-14.45.20.jpg?resize=300%2C199&amp;ssl=1 300w, https:\/\/i0.wp.com\/itayachtscanada.com\/wp-content\/uploads\/2025\/01\/Capture-decran-le-2025-01-24-a-14.45.20.jpg?resize=1024%2C681&amp;ssl=1 1024w, https:\/\/i0.wp.com\/itayachtscanada.com\/wp-content\/uploads\/2025\/01\/Capture-decran-le-2025-01-24-a-14.45.20.jpg?resize=768%2C511&amp;ssl=1 768w, https:\/\/i0.wp.com\/itayachtscanada.com\/wp-content\/uploads\/2025\/01\/Capture-decran-le-2025-01-24-a-14.45.20.jpg?resize=1536%2C1021&amp;ssl=1 1536w, https:\/\/i0.wp.com\/itayachtscanada.com\/wp-content\/uploads\/2025\/01\/Capture-decran-le-2025-01-24-a-14.45.20.jpg?resize=700%2C465&amp;ssl=1 700w, https:\/\/i0.wp.com\/itayachtscanada.com\/wp-content\/uploads\/2025\/01\/Capture-decran-le-2025-01-24-a-14.45.20.jpg?resize=900%2C600&amp;ssl=1 900w, https:\/\/i0.wp.com\/itayachtscanada.com\/wp-content\/uploads\/2025\/01\/Capture-decran-le-2025-01-24-a-14.45.20.jpg?resize=602%2C400&amp;ssl=1 602w, https:\/\/i0.wp.com\/itayachtscanada.com\/wp-content\/uploads\/2025\/01\/Capture-decran-le-2025-01-24-a-14.45.20.jpg?w=1400&amp;ssl=1 1400w\" width=\"463\" height=\"308\" loading=\"lazy\" data-original-width=\"463\" data-original-height=\"308\" itemprop=\"http:\/\/schema.org\/image\" title=\"Capture d\u2019e\u0301cran, le 2025-01-24 a\u0300 14.45.20\" alt=\"Capture d\u2019e\u0301cran, le 2025-01-24 a\u0300 14.45.20\" style=\"width: 463px; height: 308px;\" \/> <\/a> <\/div> <\/div> <!-- close group --> <div class=\"gallery-group images-2\" style=\"width: 233px; height: 312px;\" data-original-width=\"233\" data-original-height=\"312\" > <div class=\"tiled-gallery-item tiled-gallery-item-small\" itemprop=\"associatedMedia\" itemscope itemtype=\"http:\/\/schema.org\/ImageObject\"> <a href=\"https:\/\/itayachtscanada.com\/fr\/listing\/marlow-53e-2020-2599000-usd-for-sale\/capture-decran-le-2025-01-24-a-14-45-17\/\" border=\"0\" itemprop=\"url\"> <meta itemprop=\"width\" content=\"229\"> <meta itemprop=\"height\" content=\"152\"> <img decoding=\"async\" class=\"\" data-attachment-id=\"201688\" data-orig-file=\"https:\/\/itayachtscanada.com\/wp-content\/uploads\/2025\/01\/Capture-decran-le-2025-01-24-a-14.45.17.jpg\" data-orig-size=\"1540,1024\" data-comments-opened=\"1\" data-image-meta=\"{&quot;aperture&quot;:&quot;0&quot;,&quot;credit&quot;:&quot;&quot;,&quot;camera&quot;:&quot;&quot;,&quot;caption&quot;:&quot;&quot;,&quot;created_timestamp&quot;:&quot;0&quot;,&quot;copyright&quot;:&quot;&quot;,&quot;focal_length&quot;:&quot;0&quot;,&quot;iso&quot;:&quot;0&quot;,&quot;shutter_speed&quot;:&quot;0&quot;,&quot;title&quot;:&quot;&quot;,&quot;orientation&quot;:&quot;0&quot;}\" data-image-title=\"Capture d\u2019e\u0301cran, le 2025-01-24 a\u0300 14.45.17\" data-image-description=\"\" data-medium-file=\"https:\/\/i0.wp.com\/itayachtscanada.com\/wp-content\/uploads\/2025\/01\/Capture-decran-le-2025-01-24-a-14.45.17.jpg?fit=300%2C199&#038;ssl=1\" data-large-file=\"https:\/\/i0.wp.com\/itayachtscanada.com\/wp-content\/uploads\/2025\/01\/Capture-decran-le-2025-01-24-a-14.45.17.jpg?fit=700%2C466&#038;ssl=1\" src=\"https:\/\/i0.wp.com\/itayachtscanada.com\/wp-content\/uploads\/2025\/01\/Capture-decran-le-2025-01-24-a-14.45.17.jpg?w=229&#038;h=152&#038;ssl=1\" srcset=\"https:\/\/i0.wp.com\/itayachtscanada.com\/wp-content\/uploads\/2025\/01\/Capture-decran-le-2025-01-24-a-14.45.17.jpg?w=1540&amp;ssl=1 1540w, https:\/\/i0.wp.com\/itayachtscanada.com\/wp-content\/uploads\/2025\/01\/Capture-decran-le-2025-01-24-a-14.45.17.jpg?resize=300%2C199&amp;ssl=1 300w, https:\/\/i0.wp.com\/itayachtscanada.com\/wp-content\/uploads\/2025\/01\/Capture-decran-le-2025-01-24-a-14.45.17.jpg?resize=1024%2C681&amp;ssl=1 1024w, https:\/\/i0.wp.com\/itayachtscanada.com\/wp-content\/uploads\/2025\/01\/Capture-decran-le-2025-01-24-a-14.45.17.jpg?resize=768%2C511&amp;ssl=1 768w, https:\/\/i0.wp.com\/itayachtscanada.com\/wp-content\/uploads\/2025\/01\/Capture-decran-le-2025-01-24-a-14.45.17.jpg?resize=1536%2C1021&amp;ssl=1 1536w, https:\/\/i0.wp.com\/itayachtscanada.com\/wp-content\/uploads\/2025\/01\/Capture-decran-le-2025-01-24-a-14.45.17.jpg?resize=700%2C465&amp;ssl=1 700w, https:\/\/i0.wp.com\/itayachtscanada.com\/wp-content\/uploads\/2025\/01\/Capture-decran-le-2025-01-24-a-14.45.17.jpg?resize=900%2C600&amp;ssl=1 900w, https:\/\/i0.wp.com\/itayachtscanada.com\/wp-content\/uploads\/2025\/01\/Capture-decran-le-2025-01-24-a-14.45.17.jpg?resize=602%2C400&amp;ssl=1 602w, https:\/\/i0.wp.com\/itayachtscanada.com\/wp-content\/uploads\/2025\/01\/Capture-decran-le-2025-01-24-a-14.45.17.jpg?w=1400&amp;ssl=1 1400w\" width=\"229\" height=\"152\" loading=\"lazy\" data-original-width=\"229\" data-original-height=\"152\" itemprop=\"http:\/\/schema.org\/image\" title=\"Capture d\u2019e\u0301cran, le 2025-01-24 a\u0300 14.45.17\" alt=\"Capture d\u2019e\u0301cran, le 2025-01-24 a\u0300 14.45.17\" style=\"width: 229px; height: 152px;\" \/> <\/a> <\/div> <div class=\"tiled-gallery-item tiled-gallery-item-small\" itemprop=\"associatedMedia\" itemscope itemtype=\"http:\/\/schema.org\/ImageObject\"> <a href=\"https:\/\/itayachtscanada.com\/fr\/listing\/marlow-53e-2020-2599000-usd-for-sale\/capture-decran-le-2025-01-24-a-14-45-14\/\" border=\"0\" itemprop=\"url\"> <meta itemprop=\"width\" content=\"229\"> <meta itemprop=\"height\" content=\"152\"> <img decoding=\"async\" class=\"\" data-attachment-id=\"201689\" data-orig-file=\"https:\/\/itayachtscanada.com\/wp-content\/uploads\/2025\/01\/Capture-decran-le-2025-01-24-a-14.45.14.jpg\" data-orig-size=\"1540,1024\" data-comments-opened=\"1\" data-image-meta=\"{&quot;aperture&quot;:&quot;0&quot;,&quot;credit&quot;:&quot;&quot;,&quot;camera&quot;:&quot;&quot;,&quot;caption&quot;:&quot;&quot;,&quot;created_timestamp&quot;:&quot;0&quot;,&quot;copyright&quot;:&quot;&quot;,&quot;focal_length&quot;:&quot;0&quot;,&quot;iso&quot;:&quot;0&quot;,&quot;shutter_speed&quot;:&quot;0&quot;,&quot;title&quot;:&quot;&quot;,&quot;orientation&quot;:&quot;0&quot;}\" data-image-title=\"Capture d\u2019e\u0301cran, le 2025-01-24 a\u0300 14.45.14\" data-image-description=\"\" data-medium-file=\"https:\/\/i0.wp.com\/itayachtscanada.com\/wp-content\/uploads\/2025\/01\/Capture-decran-le-2025-01-24-a-14.45.14.jpg?fit=300%2C199&#038;ssl=1\" data-large-file=\"https:\/\/i0.wp.com\/itayachtscanada.com\/wp-content\/uploads\/2025\/01\/Capture-decran-le-2025-01-24-a-14.45.14.jpg?fit=700%2C466&#038;ssl=1\" src=\"https:\/\/i0.wp.com\/itayachtscanada.com\/wp-content\/uploads\/2025\/01\/Capture-decran-le-2025-01-24-a-14.45.14.jpg?w=229&#038;h=152&#038;ssl=1\" srcset=\"https:\/\/i0.wp.com\/itayachtscanada.com\/wp-content\/uploads\/2025\/01\/Capture-decran-le-2025-01-24-a-14.45.14.jpg?w=1540&amp;ssl=1 1540w, https:\/\/i0.wp.com\/itayachtscanada.com\/wp-content\/uploads\/2025\/01\/Capture-decran-le-2025-01-24-a-14.45.14.jpg?resize=300%2C199&amp;ssl=1 300w, https:\/\/i0.wp.com\/itayachtscanada.com\/wp-content\/uploads\/2025\/01\/Capture-decran-le-2025-01-24-a-14.45.14.jpg?resize=1024%2C681&amp;ssl=1 1024w, https:\/\/i0.wp.com\/itayachtscanada.com\/wp-content\/uploads\/2025\/01\/Capture-decran-le-2025-01-24-a-14.45.14.jpg?resize=768%2C511&amp;ssl=1 768w, https:\/\/i0.wp.com\/itayachtscanada.com\/wp-content\/uploads\/2025\/01\/Capture-decran-le-2025-01-24-a-14.45.14.jpg?resize=1536%2C1021&amp;ssl=1 1536w, https:\/\/i0.wp.com\/itayachtscanada.com\/wp-content\/uploads\/2025\/01\/Capture-decran-le-2025-01-24-a-14.45.14.jpg?resize=700%2C465&amp;ssl=1 700w, https:\/\/i0.wp.com\/itayachtscanada.com\/wp-content\/uploads\/2025\/01\/Capture-decran-le-2025-01-24-a-14.45.14.jpg?resize=900%2C600&amp;ssl=1 900w, https:\/\/i0.wp.com\/itayachtscanada.com\/wp-content\/uploads\/2025\/01\/Capture-decran-le-2025-01-24-a-14.45.14.jpg?resize=602%2C400&amp;ssl=1 602w, https:\/\/i0.wp.com\/itayachtscanada.com\/wp-content\/uploads\/2025\/01\/Capture-decran-le-2025-01-24-a-14.45.14.jpg?w=1400&amp;ssl=1 1400w\" width=\"229\" height=\"152\" loading=\"lazy\" data-original-width=\"229\" data-original-height=\"152\" itemprop=\"http:\/\/schema.org\/image\" title=\"Capture d\u2019e\u0301cran, le 2025-01-24 a\u0300 14.45.14\" alt=\"Capture d\u2019e\u0301cran, le 2025-01-24 a\u0300 14.45.14\" style=\"width: 229px; height: 152px;\" \/> <\/a> <\/div> <\/div> <!-- close group --> <\/div> <!-- close row --> <div class=\"gallery-row\" style=\"width: 700px; height: 156px;\" data-original-width=\"700\" data-original-height=\"156\" > <div class=\"gallery-group images-1\" style=\"width: 234px; height: 156px;\" data-original-width=\"234\" data-original-height=\"156\" > <div class=\"tiled-gallery-item tiled-gallery-item-small\" itemprop=\"associatedMedia\" itemscope itemtype=\"http:\/\/schema.org\/ImageObject\"> <a href=\"https:\/\/itayachtscanada.com\/fr\/listing\/marlow-53e-2020-2599000-usd-for-sale\/capture-decran-le-2025-01-24-a-14-45-10\/\" border=\"0\" itemprop=\"url\"> <meta itemprop=\"width\" content=\"230\"> <meta itemprop=\"height\" content=\"152\"> <img decoding=\"async\" class=\"\" data-attachment-id=\"201690\" data-orig-file=\"https:\/\/itayachtscanada.com\/wp-content\/uploads\/2025\/01\/Capture-decran-le-2025-01-24-a-14.45.10.jpg\" data-orig-size=\"1540,1024\" data-comments-opened=\"1\" data-image-meta=\"{&quot;aperture&quot;:&quot;0&quot;,&quot;credit&quot;:&quot;&quot;,&quot;camera&quot;:&quot;&quot;,&quot;caption&quot;:&quot;&quot;,&quot;created_timestamp&quot;:&quot;0&quot;,&quot;copyright&quot;:&quot;&quot;,&quot;focal_length&quot;:&quot;0&quot;,&quot;iso&quot;:&quot;0&quot;,&quot;shutter_speed&quot;:&quot;0&quot;,&quot;title&quot;:&quot;&quot;,&quot;orientation&quot;:&quot;0&quot;}\" data-image-title=\"Capture d\u2019e\u0301cran, le 2025-01-24 a\u0300 14.45.10\" data-image-description=\"\" data-medium-file=\"https:\/\/i0.wp.com\/itayachtscanada.com\/wp-content\/uploads\/2025\/01\/Capture-decran-le-2025-01-24-a-14.45.10.jpg?fit=300%2C199&#038;ssl=1\" data-large-file=\"https:\/\/i0.wp.com\/itayachtscanada.com\/wp-content\/uploads\/2025\/01\/Capture-decran-le-2025-01-24-a-14.45.10.jpg?fit=700%2C466&#038;ssl=1\" src=\"https:\/\/i0.wp.com\/itayachtscanada.com\/wp-content\/uploads\/2025\/01\/Capture-decran-le-2025-01-24-a-14.45.10.jpg?w=230&#038;h=152&#038;ssl=1\" srcset=\"https:\/\/i0.wp.com\/itayachtscanada.com\/wp-content\/uploads\/2025\/01\/Capture-decran-le-2025-01-24-a-14.45.10.jpg?w=1540&amp;ssl=1 1540w, https:\/\/i0.wp.com\/itayachtscanada.com\/wp-content\/uploads\/2025\/01\/Capture-decran-le-2025-01-24-a-14.45.10.jpg?resize=300%2C199&amp;ssl=1 300w, https:\/\/i0.wp.com\/itayachtscanada.com\/wp-content\/uploads\/2025\/01\/Capture-decran-le-2025-01-24-a-14.45.10.jpg?resize=1024%2C681&amp;ssl=1 1024w, https:\/\/i0.wp.com\/itayachtscanada.com\/wp-content\/uploads\/2025\/01\/Capture-decran-le-2025-01-24-a-14.45.10.jpg?resize=768%2C511&amp;ssl=1 768w, https:\/\/i0.wp.com\/itayachtscanada.com\/wp-content\/uploads\/2025\/01\/Capture-decran-le-2025-01-24-a-14.45.10.jpg?resize=1536%2C1021&amp;ssl=1 1536w, https:\/\/i0.wp.com\/itayachtscanada.com\/wp-content\/uploads\/2025\/01\/Capture-decran-le-2025-01-24-a-14.45.10.jpg?resize=700%2C465&amp;ssl=1 700w, https:\/\/i0.wp.com\/itayachtscanada.com\/wp-content\/uploads\/2025\/01\/Capture-decran-le-2025-01-24-a-14.45.10.jpg?resize=900%2C600&amp;ssl=1 900w, https:\/\/i0.wp.com\/itayachtscanada.com\/wp-content\/uploads\/2025\/01\/Capture-decran-le-2025-01-24-a-14.45.10.jpg?resize=602%2C400&amp;ssl=1 602w, https:\/\/i0.wp.com\/itayachtscanada.com\/wp-content\/uploads\/2025\/01\/Capture-decran-le-2025-01-24-a-14.45.10.jpg?w=1400&amp;ssl=1 1400w\" width=\"230\" height=\"152\" loading=\"lazy\" data-original-width=\"230\" data-original-height=\"152\" itemprop=\"http:\/\/schema.org\/image\" title=\"Capture d\u2019e\u0301cran, le 2025-01-24 a\u0300 14.45.10\" alt=\"Capture d\u2019e\u0301cran, le 2025-01-24 a\u0300 14.45.10\" style=\"width: 230px; height: 152px;\" \/> <\/a> <\/div> <\/div> <!-- close group --> <div class=\"gallery-group images-1\" style=\"width: 233px; height: 156px;\" data-original-width=\"233\" data-original-height=\"156\" > <div class=\"tiled-gallery-item tiled-gallery-item-small\" itemprop=\"associatedMedia\" itemscope itemtype=\"http:\/\/schema.org\/ImageObject\"> <a href=\"https:\/\/itayachtscanada.com\/fr\/listing\/marlow-53e-2020-2599000-usd-for-sale\/capture-decran-le-2025-01-24-a-14-45-04\/\" border=\"0\" itemprop=\"url\"> <meta itemprop=\"width\" content=\"229\"> <meta itemprop=\"height\" content=\"152\"> <img decoding=\"async\" class=\"\" data-attachment-id=\"201691\" data-orig-file=\"https:\/\/itayachtscanada.com\/wp-content\/uploads\/2025\/01\/Capture-decran-le-2025-01-24-a-14.45.04.jpg\" data-orig-size=\"1540,1024\" data-comments-opened=\"1\" data-image-meta=\"{&quot;aperture&quot;:&quot;0&quot;,&quot;credit&quot;:&quot;&quot;,&quot;camera&quot;:&quot;&quot;,&quot;caption&quot;:&quot;&quot;,&quot;created_timestamp&quot;:&quot;0&quot;,&quot;copyright&quot;:&quot;&quot;,&quot;focal_length&quot;:&quot;0&quot;,&quot;iso&quot;:&quot;0&quot;,&quot;shutter_speed&quot;:&quot;0&quot;,&quot;title&quot;:&quot;&quot;,&quot;orientation&quot;:&quot;0&quot;}\" data-image-title=\"Capture d\u2019e\u0301cran, le 2025-01-24 a\u0300 14.45.04\" data-image-description=\"\" data-medium-file=\"https:\/\/i0.wp.com\/itayachtscanada.com\/wp-content\/uploads\/2025\/01\/Capture-decran-le-2025-01-24-a-14.45.04.jpg?fit=300%2C199&#038;ssl=1\" data-large-file=\"https:\/\/i0.wp.com\/itayachtscanada.com\/wp-content\/uploads\/2025\/01\/Capture-decran-le-2025-01-24-a-14.45.04.jpg?fit=700%2C466&#038;ssl=1\" src=\"https:\/\/i0.wp.com\/itayachtscanada.com\/wp-content\/uploads\/2025\/01\/Capture-decran-le-2025-01-24-a-14.45.04.jpg?w=229&#038;h=152&#038;ssl=1\" srcset=\"https:\/\/i0.wp.com\/itayachtscanada.com\/wp-content\/uploads\/2025\/01\/Capture-decran-le-2025-01-24-a-14.45.04.jpg?w=1540&amp;ssl=1 1540w, https:\/\/i0.wp.com\/itayachtscanada.com\/wp-content\/uploads\/2025\/01\/Capture-decran-le-2025-01-24-a-14.45.04.jpg?resize=300%2C199&amp;ssl=1 300w, https:\/\/i0.wp.com\/itayachtscanada.com\/wp-content\/uploads\/2025\/01\/Capture-decran-le-2025-01-24-a-14.45.04.jpg?resize=1024%2C681&amp;ssl=1 1024w, https:\/\/i0.wp.com\/itayachtscanada.com\/wp-content\/uploads\/2025\/01\/Capture-decran-le-2025-01-24-a-14.45.04.jpg?resize=768%2C511&amp;ssl=1 768w, https:\/\/i0.wp.com\/itayachtscanada.com\/wp-content\/uploads\/2025\/01\/Capture-decran-le-2025-01-24-a-14.45.04.jpg?resize=1536%2C1021&amp;ssl=1 1536w, https:\/\/i0.wp.com\/itayachtscanada.com\/wp-content\/uploads\/2025\/01\/Capture-decran-le-2025-01-24-a-14.45.04.jpg?resize=700%2C465&amp;ssl=1 700w, https:\/\/i0.wp.com\/itayachtscanada.com\/wp-content\/uploads\/2025\/01\/Capture-decran-le-2025-01-24-a-14.45.04.jpg?resize=900%2C600&amp;ssl=1 900w, https:\/\/i0.wp.com\/itayachtscanada.com\/wp-content\/uploads\/2025\/01\/Capture-decran-le-2025-01-24-a-14.45.04.jpg?resize=602%2C400&amp;ssl=1 602w, https:\/\/i0.wp.com\/itayachtscanada.com\/wp-content\/uploads\/2025\/01\/Capture-decran-le-2025-01-24-a-14.45.04.jpg?w=1400&amp;ssl=1 1400w\" width=\"229\" height=\"152\" loading=\"lazy\" data-original-width=\"229\" data-original-height=\"152\" itemprop=\"http:\/\/schema.org\/image\" title=\"Capture d\u2019e\u0301cran, le 2025-01-24 a\u0300 14.45.04\" alt=\"Capture d\u2019e\u0301cran, le 2025-01-24 a\u0300 14.45.04\" style=\"width: 229px; height: 152px;\" \/> <\/a> <\/div> <\/div> <!-- close group --> <div class=\"gallery-group images-1\" style=\"width: 233px; height: 156px;\" data-original-width=\"233\" data-original-height=\"156\" > <div class=\"tiled-gallery-item tiled-gallery-item-small\" itemprop=\"associatedMedia\" itemscope itemtype=\"http:\/\/schema.org\/ImageObject\"> <a href=\"https:\/\/itayachtscanada.com\/fr\/listing\/marlow-53e-2020-2599000-usd-for-sale\/capture-decran-le-2025-01-24-a-14-45-01\/\" border=\"0\" itemprop=\"url\"> <meta itemprop=\"width\" content=\"229\"> <meta itemprop=\"height\" content=\"152\"> <img decoding=\"async\" class=\"\" data-attachment-id=\"201692\" data-orig-file=\"https:\/\/itayachtscanada.com\/wp-content\/uploads\/2025\/01\/Capture-decran-le-2025-01-24-a-14.45.01.jpg\" data-orig-size=\"1540,1024\" data-comments-opened=\"1\" data-image-meta=\"{&quot;aperture&quot;:&quot;0&quot;,&quot;credit&quot;:&quot;&quot;,&quot;camera&quot;:&quot;&quot;,&quot;caption&quot;:&quot;&quot;,&quot;created_timestamp&quot;:&quot;0&quot;,&quot;copyright&quot;:&quot;&quot;,&quot;focal_length&quot;:&quot;0&quot;,&quot;iso&quot;:&quot;0&quot;,&quot;shutter_speed&quot;:&quot;0&quot;,&quot;title&quot;:&quot;&quot;,&quot;orientation&quot;:&quot;0&quot;}\" data-image-title=\"Capture d\u2019e\u0301cran, le 2025-01-24 a\u0300 14.45.01\" data-image-description=\"\" data-medium-file=\"https:\/\/i0.wp.com\/itayachtscanada.com\/wp-content\/uploads\/2025\/01\/Capture-decran-le-2025-01-24-a-14.45.01.jpg?fit=300%2C199&#038;ssl=1\" data-large-file=\"https:\/\/i0.wp.com\/itayachtscanada.com\/wp-content\/uploads\/2025\/01\/Capture-decran-le-2025-01-24-a-14.45.01.jpg?fit=700%2C466&#038;ssl=1\" src=\"https:\/\/i0.wp.com\/itayachtscanada.com\/wp-content\/uploads\/2025\/01\/Capture-decran-le-2025-01-24-a-14.45.01.jpg?w=229&#038;h=152&#038;ssl=1\" srcset=\"https:\/\/i0.wp.com\/itayachtscanada.com\/wp-content\/uploads\/2025\/01\/Capture-decran-le-2025-01-24-a-14.45.01.jpg?w=1540&amp;ssl=1 1540w, https:\/\/i0.wp.com\/itayachtscanada.com\/wp-content\/uploads\/2025\/01\/Capture-decran-le-2025-01-24-a-14.45.01.jpg?resize=300%2C199&amp;ssl=1 300w, https:\/\/i0.wp.com\/itayachtscanada.com\/wp-content\/uploads\/2025\/01\/Capture-decran-le-2025-01-24-a-14.45.01.jpg?resize=1024%2C681&amp;ssl=1 1024w, https:\/\/i0.wp.com\/itayachtscanada.com\/wp-content\/uploads\/2025\/01\/Capture-decran-le-2025-01-24-a-14.45.01.jpg?resize=768%2C511&amp;ssl=1 768w, https:\/\/i0.wp.com\/itayachtscanada.com\/wp-content\/uploads\/2025\/01\/Capture-decran-le-2025-01-24-a-14.45.01.jpg?resize=1536%2C1021&amp;ssl=1 1536w, https:\/\/i0.wp.com\/itayachtscanada.com\/wp-content\/uploads\/2025\/01\/Capture-decran-le-2025-01-24-a-14.45.01.jpg?resize=700%2C465&amp;ssl=1 700w, https:\/\/i0.wp.com\/itayachtscanada.com\/wp-content\/uploads\/2025\/01\/Capture-decran-le-2025-01-24-a-14.45.01.jpg?resize=900%2C600&amp;ssl=1 900w, https:\/\/i0.wp.com\/itayachtscanada.com\/wp-content\/uploads\/2025\/01\/Capture-decran-le-2025-01-24-a-14.45.01.jpg?resize=602%2C400&amp;ssl=1 602w, https:\/\/i0.wp.com\/itayachtscanada.com\/wp-content\/uploads\/2025\/01\/Capture-decran-le-2025-01-24-a-14.45.01.jpg?w=1400&amp;ssl=1 1400w\" width=\"229\" height=\"152\" loading=\"lazy\" data-original-width=\"229\" data-original-height=\"152\" itemprop=\"http:\/\/schema.org\/image\" title=\"Capture d\u2019e\u0301cran, le 2025-01-24 a\u0300 14.45.01\" alt=\"Capture d\u2019e\u0301cran, le 2025-01-24 a\u0300 14.45.01\" style=\"width: 229px; height: 152px;\" \/> <\/a> <\/div> <\/div> <!-- close group --> <\/div> <!-- close row --> <div class=\"gallery-row\" style=\"width: 700px; height: 312px;\" data-original-width=\"700\" data-original-height=\"312\" > <div class=\"gallery-group images-2\" style=\"width: 233px; height: 312px;\" data-original-width=\"233\" data-original-height=\"312\" > <div class=\"tiled-gallery-item tiled-gallery-item-small\" itemprop=\"associatedMedia\" itemscope itemtype=\"http:\/\/schema.org\/ImageObject\"> <a href=\"https:\/\/itayachtscanada.com\/fr\/listing\/marlow-53e-2020-2599000-usd-for-sale\/capture-decran-le-2025-01-24-a-14-44-58\/\" border=\"0\" itemprop=\"url\"> <meta itemprop=\"width\" content=\"229\"> <meta itemprop=\"height\" content=\"152\"> <img decoding=\"async\" class=\"\" data-attachment-id=\"201693\" data-orig-file=\"https:\/\/itayachtscanada.com\/wp-content\/uploads\/2025\/01\/Capture-decran-le-2025-01-24-a-14.44.58.jpg\" data-orig-size=\"1540,1024\" data-comments-opened=\"1\" data-image-meta=\"{&quot;aperture&quot;:&quot;0&quot;,&quot;credit&quot;:&quot;&quot;,&quot;camera&quot;:&quot;&quot;,&quot;caption&quot;:&quot;&quot;,&quot;created_timestamp&quot;:&quot;0&quot;,&quot;copyright&quot;:&quot;&quot;,&quot;focal_length&quot;:&quot;0&quot;,&quot;iso&quot;:&quot;0&quot;,&quot;shutter_speed&quot;:&quot;0&quot;,&quot;title&quot;:&quot;&quot;,&quot;orientation&quot;:&quot;0&quot;}\" data-image-title=\"Capture d\u2019e\u0301cran, le 2025-01-24 a\u0300 14.44.58\" data-image-description=\"\" data-medium-file=\"https:\/\/i0.wp.com\/itayachtscanada.com\/wp-content\/uploads\/2025\/01\/Capture-decran-le-2025-01-24-a-14.44.58.jpg?fit=300%2C199&#038;ssl=1\" data-large-file=\"https:\/\/i0.wp.com\/itayachtscanada.com\/wp-content\/uploads\/2025\/01\/Capture-decran-le-2025-01-24-a-14.44.58.jpg?fit=700%2C466&#038;ssl=1\" src=\"https:\/\/i0.wp.com\/itayachtscanada.com\/wp-content\/uploads\/2025\/01\/Capture-decran-le-2025-01-24-a-14.44.58.jpg?w=229&#038;h=152&#038;ssl=1\" srcset=\"https:\/\/i0.wp.com\/itayachtscanada.com\/wp-content\/uploads\/2025\/01\/Capture-decran-le-2025-01-24-a-14.44.58.jpg?w=1540&amp;ssl=1 1540w, https:\/\/i0.wp.com\/itayachtscanada.com\/wp-content\/uploads\/2025\/01\/Capture-decran-le-2025-01-24-a-14.44.58.jpg?resize=300%2C199&amp;ssl=1 300w, https:\/\/i0.wp.com\/itayachtscanada.com\/wp-content\/uploads\/2025\/01\/Capture-decran-le-2025-01-24-a-14.44.58.jpg?resize=1024%2C681&amp;ssl=1 1024w, https:\/\/i0.wp.com\/itayachtscanada.com\/wp-content\/uploads\/2025\/01\/Capture-decran-le-2025-01-24-a-14.44.58.jpg?resize=768%2C511&amp;ssl=1 768w, https:\/\/i0.wp.com\/itayachtscanada.com\/wp-content\/uploads\/2025\/01\/Capture-decran-le-2025-01-24-a-14.44.58.jpg?resize=1536%2C1021&amp;ssl=1 1536w, https:\/\/i0.wp.com\/itayachtscanada.com\/wp-content\/uploads\/2025\/01\/Capture-decran-le-2025-01-24-a-14.44.58.jpg?resize=700%2C465&amp;ssl=1 700w, https:\/\/i0.wp.com\/itayachtscanada.com\/wp-content\/uploads\/2025\/01\/Capture-decran-le-2025-01-24-a-14.44.58.jpg?resize=900%2C600&amp;ssl=1 900w, https:\/\/i0.wp.com\/itayachtscanada.com\/wp-content\/uploads\/2025\/01\/Capture-decran-le-2025-01-24-a-14.44.58.jpg?resize=602%2C400&amp;ssl=1 602w, https:\/\/i0.wp.com\/itayachtscanada.com\/wp-content\/uploads\/2025\/01\/Capture-decran-le-2025-01-24-a-14.44.58.jpg?w=1400&amp;ssl=1 1400w\" width=\"229\" height=\"152\" loading=\"lazy\" data-original-width=\"229\" data-original-height=\"152\" itemprop=\"http:\/\/schema.org\/image\" title=\"Capture d\u2019e\u0301cran, le 2025-01-24 a\u0300 14.44.58\" alt=\"Capture d\u2019e\u0301cran, le 2025-01-24 a\u0300 14.44.58\" style=\"width: 229px; height: 152px;\" \/> <\/a> <\/div> <div class=\"tiled-gallery-item tiled-gallery-item-small\" itemprop=\"associatedMedia\" itemscope itemtype=\"http:\/\/schema.org\/ImageObject\"> <a href=\"https:\/\/itayachtscanada.com\/fr\/listing\/marlow-53e-2020-2599000-usd-for-sale\/capture-decran-le-2025-01-24-a-14-44-55\/\" border=\"0\" itemprop=\"url\"> <meta itemprop=\"width\" content=\"229\"> <meta itemprop=\"height\" content=\"152\"> <img decoding=\"async\" class=\"\" data-attachment-id=\"201694\" data-orig-file=\"https:\/\/itayachtscanada.com\/wp-content\/uploads\/2025\/01\/Capture-decran-le-2025-01-24-a-14.44.55.jpg\" data-orig-size=\"1540,1024\" data-comments-opened=\"1\" data-image-meta=\"{&quot;aperture&quot;:&quot;0&quot;,&quot;credit&quot;:&quot;&quot;,&quot;camera&quot;:&quot;&quot;,&quot;caption&quot;:&quot;&quot;,&quot;created_timestamp&quot;:&quot;0&quot;,&quot;copyright&quot;:&quot;&quot;,&quot;focal_length&quot;:&quot;0&quot;,&quot;iso&quot;:&quot;0&quot;,&quot;shutter_speed&quot;:&quot;0&quot;,&quot;title&quot;:&quot;&quot;,&quot;orientation&quot;:&quot;0&quot;}\" data-image-title=\"Capture d\u2019e\u0301cran, le 2025-01-24 a\u0300 14.44.55\" data-image-description=\"\" data-medium-file=\"https:\/\/i0.wp.com\/itayachtscanada.com\/wp-content\/uploads\/2025\/01\/Capture-decran-le-2025-01-24-a-14.44.55.jpg?fit=300%2C199&#038;ssl=1\" data-large-file=\"https:\/\/i0.wp.com\/itayachtscanada.com\/wp-content\/uploads\/2025\/01\/Capture-decran-le-2025-01-24-a-14.44.55.jpg?fit=700%2C466&#038;ssl=1\" src=\"https:\/\/i0.wp.com\/itayachtscanada.com\/wp-content\/uploads\/2025\/01\/Capture-decran-le-2025-01-24-a-14.44.55.jpg?w=229&#038;h=152&#038;ssl=1\" srcset=\"https:\/\/i0.wp.com\/itayachtscanada.com\/wp-content\/uploads\/2025\/01\/Capture-decran-le-2025-01-24-a-14.44.55.jpg?w=1540&amp;ssl=1 1540w, https:\/\/i0.wp.com\/itayachtscanada.com\/wp-content\/uploads\/2025\/01\/Capture-decran-le-2025-01-24-a-14.44.55.jpg?resize=300%2C199&amp;ssl=1 300w, https:\/\/i0.wp.com\/itayachtscanada.com\/wp-content\/uploads\/2025\/01\/Capture-decran-le-2025-01-24-a-14.44.55.jpg?resize=1024%2C681&amp;ssl=1 1024w, https:\/\/i0.wp.com\/itayachtscanada.com\/wp-content\/uploads\/2025\/01\/Capture-decran-le-2025-01-24-a-14.44.55.jpg?resize=768%2C511&amp;ssl=1 768w, https:\/\/i0.wp.com\/itayachtscanada.com\/wp-content\/uploads\/2025\/01\/Capture-decran-le-2025-01-24-a-14.44.55.jpg?resize=1536%2C1021&amp;ssl=1 1536w, https:\/\/i0.wp.com\/itayachtscanada.com\/wp-content\/uploads\/2025\/01\/Capture-decran-le-2025-01-24-a-14.44.55.jpg?resize=700%2C465&amp;ssl=1 700w, https:\/\/i0.wp.com\/itayachtscanada.com\/wp-content\/uploads\/2025\/01\/Capture-decran-le-2025-01-24-a-14.44.55.jpg?resize=900%2C600&amp;ssl=1 900w, https:\/\/i0.wp.com\/itayachtscanada.com\/wp-content\/uploads\/2025\/01\/Capture-decran-le-2025-01-24-a-14.44.55.jpg?resize=602%2C400&amp;ssl=1 602w, https:\/\/i0.wp.com\/itayachtscanada.com\/wp-content\/uploads\/2025\/01\/Capture-decran-le-2025-01-24-a-14.44.55.jpg?w=1400&amp;ssl=1 1400w\" width=\"229\" height=\"152\" loading=\"lazy\" data-original-width=\"229\" data-original-height=\"152\" itemprop=\"http:\/\/schema.org\/image\" title=\"Capture d\u2019e\u0301cran, le 2025-01-24 a\u0300 14.44.55\" alt=\"Capture d\u2019e\u0301cran, le 2025-01-24 a\u0300 14.44.55\" style=\"width: 229px; height: 152px;\" \/> <\/a> <\/div> <\/div> <!-- close group --> <div class=\"gallery-group images-1\" style=\"width: 467px; height: 312px;\" data-original-width=\"467\" data-original-height=\"312\" > <div class=\"tiled-gallery-item tiled-gallery-item-large\" itemprop=\"associatedMedia\" itemscope itemtype=\"http:\/\/schema.org\/ImageObject\"> <a href=\"https:\/\/itayachtscanada.com\/fr\/listing\/marlow-53e-2020-2599000-usd-for-sale\/capture-decran-le-2025-01-24-a-14-44-52\/\" border=\"0\" itemprop=\"url\"> <meta itemprop=\"width\" content=\"463\"> <meta itemprop=\"height\" content=\"308\"> <img decoding=\"async\" class=\"\" data-attachment-id=\"201695\" data-orig-file=\"https:\/\/itayachtscanada.com\/wp-content\/uploads\/2025\/01\/Capture-decran-le-2025-01-24-a-14.44.52.jpg\" data-orig-size=\"1540,1024\" data-comments-opened=\"1\" data-image-meta=\"{&quot;aperture&quot;:&quot;0&quot;,&quot;credit&quot;:&quot;&quot;,&quot;camera&quot;:&quot;&quot;,&quot;caption&quot;:&quot;&quot;,&quot;created_timestamp&quot;:&quot;0&quot;,&quot;copyright&quot;:&quot;&quot;,&quot;focal_length&quot;:&quot;0&quot;,&quot;iso&quot;:&quot;0&quot;,&quot;shutter_speed&quot;:&quot;0&quot;,&quot;title&quot;:&quot;&quot;,&quot;orientation&quot;:&quot;0&quot;}\" data-image-title=\"Capture d\u2019e\u0301cran, le 2025-01-24 a\u0300 14.44.52\" data-image-description=\"\" data-medium-file=\"https:\/\/i0.wp.com\/itayachtscanada.com\/wp-content\/uploads\/2025\/01\/Capture-decran-le-2025-01-24-a-14.44.52.jpg?fit=300%2C199&#038;ssl=1\" data-large-file=\"https:\/\/i0.wp.com\/itayachtscanada.com\/wp-content\/uploads\/2025\/01\/Capture-decran-le-2025-01-24-a-14.44.52.jpg?fit=700%2C466&#038;ssl=1\" src=\"https:\/\/i0.wp.com\/itayachtscanada.com\/wp-content\/uploads\/2025\/01\/Capture-decran-le-2025-01-24-a-14.44.52.jpg?w=463&#038;h=308&#038;ssl=1\" srcset=\"https:\/\/i0.wp.com\/itayachtscanada.com\/wp-content\/uploads\/2025\/01\/Capture-decran-le-2025-01-24-a-14.44.52.jpg?w=1540&amp;ssl=1 1540w, https:\/\/i0.wp.com\/itayachtscanada.com\/wp-content\/uploads\/2025\/01\/Capture-decran-le-2025-01-24-a-14.44.52.jpg?resize=300%2C199&amp;ssl=1 300w, https:\/\/i0.wp.com\/itayachtscanada.com\/wp-content\/uploads\/2025\/01\/Capture-decran-le-2025-01-24-a-14.44.52.jpg?resize=1024%2C681&amp;ssl=1 1024w, https:\/\/i0.wp.com\/itayachtscanada.com\/wp-content\/uploads\/2025\/01\/Capture-decran-le-2025-01-24-a-14.44.52.jpg?resize=768%2C511&amp;ssl=1 768w, https:\/\/i0.wp.com\/itayachtscanada.com\/wp-content\/uploads\/2025\/01\/Capture-decran-le-2025-01-24-a-14.44.52.jpg?resize=1536%2C1021&amp;ssl=1 1536w, https:\/\/i0.wp.com\/itayachtscanada.com\/wp-content\/uploads\/2025\/01\/Capture-decran-le-2025-01-24-a-14.44.52.jpg?resize=700%2C465&amp;ssl=1 700w, https:\/\/i0.wp.com\/itayachtscanada.com\/wp-content\/uploads\/2025\/01\/Capture-decran-le-2025-01-24-a-14.44.52.jpg?resize=900%2C600&amp;ssl=1 900w, https:\/\/i0.wp.com\/itayachtscanada.com\/wp-content\/uploads\/2025\/01\/Capture-decran-le-2025-01-24-a-14.44.52.jpg?resize=602%2C400&amp;ssl=1 602w, https:\/\/i0.wp.com\/itayachtscanada.com\/wp-content\/uploads\/2025\/01\/Capture-decran-le-2025-01-24-a-14.44.52.jpg?w=1400&amp;ssl=1 1400w\" width=\"463\" height=\"308\" loading=\"lazy\" data-original-width=\"463\" data-original-height=\"308\" itemprop=\"http:\/\/schema.org\/image\" title=\"Capture d\u2019e\u0301cran, le 2025-01-24 a\u0300 14.44.52\" alt=\"Capture d\u2019e\u0301cran, le 2025-01-24 a\u0300 14.44.52\" style=\"width: 463px; height: 308px;\" \/> <\/a> <\/div> <\/div> <!-- close group --> <\/div> <!-- close row --> <div class=\"gallery-row\" style=\"width: 700px; height: 118px;\" data-original-width=\"700\" data-original-height=\"118\" > <div class=\"gallery-group images-1\" style=\"width: 175px; height: 118px;\" data-original-width=\"175\" data-original-height=\"118\" > <div class=\"tiled-gallery-item tiled-gallery-item-small\" itemprop=\"associatedMedia\" itemscope itemtype=\"http:\/\/schema.org\/ImageObject\"> <a href=\"https:\/\/itayachtscanada.com\/fr\/listing\/marlow-53e-2020-2599000-usd-for-sale\/capture-decran-le-2025-01-24-a-14-44-49\/\" border=\"0\" itemprop=\"url\"> <meta itemprop=\"width\" content=\"171\"> <meta itemprop=\"height\" content=\"114\"> <img decoding=\"async\" class=\"\" data-attachment-id=\"201696\" data-orig-file=\"https:\/\/itayachtscanada.com\/wp-content\/uploads\/2025\/01\/Capture-decran-le-2025-01-24-a-14.44.49.jpg\" data-orig-size=\"1540,1024\" data-comments-opened=\"1\" data-image-meta=\"{&quot;aperture&quot;:&quot;0&quot;,&quot;credit&quot;:&quot;&quot;,&quot;camera&quot;:&quot;&quot;,&quot;caption&quot;:&quot;&quot;,&quot;created_timestamp&quot;:&quot;0&quot;,&quot;copyright&quot;:&quot;&quot;,&quot;focal_length&quot;:&quot;0&quot;,&quot;iso&quot;:&quot;0&quot;,&quot;shutter_speed&quot;:&quot;0&quot;,&quot;title&quot;:&quot;&quot;,&quot;orientation&quot;:&quot;0&quot;}\" data-image-title=\"Capture d\u2019e\u0301cran, le 2025-01-24 a\u0300 14.44.49\" data-image-description=\"\" data-medium-file=\"https:\/\/i0.wp.com\/itayachtscanada.com\/wp-content\/uploads\/2025\/01\/Capture-decran-le-2025-01-24-a-14.44.49.jpg?fit=300%2C199&#038;ssl=1\" data-large-file=\"https:\/\/i0.wp.com\/itayachtscanada.com\/wp-content\/uploads\/2025\/01\/Capture-decran-le-2025-01-24-a-14.44.49.jpg?fit=700%2C466&#038;ssl=1\" src=\"https:\/\/i0.wp.com\/itayachtscanada.com\/wp-content\/uploads\/2025\/01\/Capture-decran-le-2025-01-24-a-14.44.49.jpg?w=171&#038;h=114&#038;ssl=1\" srcset=\"https:\/\/i0.wp.com\/itayachtscanada.com\/wp-content\/uploads\/2025\/01\/Capture-decran-le-2025-01-24-a-14.44.49.jpg?w=1540&amp;ssl=1 1540w, https:\/\/i0.wp.com\/itayachtscanada.com\/wp-content\/uploads\/2025\/01\/Capture-decran-le-2025-01-24-a-14.44.49.jpg?resize=300%2C199&amp;ssl=1 300w, https:\/\/i0.wp.com\/itayachtscanada.com\/wp-content\/uploads\/2025\/01\/Capture-decran-le-2025-01-24-a-14.44.49.jpg?resize=1024%2C681&amp;ssl=1 1024w, https:\/\/i0.wp.com\/itayachtscanada.com\/wp-content\/uploads\/2025\/01\/Capture-decran-le-2025-01-24-a-14.44.49.jpg?resize=768%2C511&amp;ssl=1 768w, https:\/\/i0.wp.com\/itayachtscanada.com\/wp-content\/uploads\/2025\/01\/Capture-decran-le-2025-01-24-a-14.44.49.jpg?resize=1536%2C1021&amp;ssl=1 1536w, https:\/\/i0.wp.com\/itayachtscanada.com\/wp-content\/uploads\/2025\/01\/Capture-decran-le-2025-01-24-a-14.44.49.jpg?resize=700%2C465&amp;ssl=1 700w, https:\/\/i0.wp.com\/itayachtscanada.com\/wp-content\/uploads\/2025\/01\/Capture-decran-le-2025-01-24-a-14.44.49.jpg?resize=900%2C600&amp;ssl=1 900w, https:\/\/i0.wp.com\/itayachtscanada.com\/wp-content\/uploads\/2025\/01\/Capture-decran-le-2025-01-24-a-14.44.49.jpg?resize=602%2C400&amp;ssl=1 602w, https:\/\/i0.wp.com\/itayachtscanada.com\/wp-content\/uploads\/2025\/01\/Capture-decran-le-2025-01-24-a-14.44.49.jpg?w=1400&amp;ssl=1 1400w\" width=\"171\" height=\"114\" loading=\"lazy\" data-original-width=\"171\" data-original-height=\"114\" itemprop=\"http:\/\/schema.org\/image\" title=\"Capture d\u2019e\u0301cran, le 2025-01-24 a\u0300 14.44.49\" alt=\"Capture d\u2019e\u0301cran, le 2025-01-24 a\u0300 14.44.49\" style=\"width: 171px; height: 114px;\" \/> <\/a> <\/div> <\/div> <!-- close group --> <div class=\"gallery-group images-1\" style=\"width: 175px; height: 118px;\" data-original-width=\"175\" data-original-height=\"118\" > <div class=\"tiled-gallery-item tiled-gallery-item-small\" itemprop=\"associatedMedia\" itemscope itemtype=\"http:\/\/schema.org\/ImageObject\"> <a href=\"https:\/\/itayachtscanada.com\/fr\/listing\/marlow-53e-2020-2599000-usd-for-sale\/capture-decran-le-2025-01-24-a-14-44-46\/\" border=\"0\" itemprop=\"url\"> <meta itemprop=\"width\" content=\"171\"> <meta itemprop=\"height\" content=\"114\"> <img decoding=\"async\" class=\"\" data-attachment-id=\"201697\" data-orig-file=\"https:\/\/itayachtscanada.com\/wp-content\/uploads\/2025\/01\/Capture-decran-le-2025-01-24-a-14.44.46.jpg\" data-orig-size=\"1540,1024\" data-comments-opened=\"1\" data-image-meta=\"{&quot;aperture&quot;:&quot;0&quot;,&quot;credit&quot;:&quot;&quot;,&quot;camera&quot;:&quot;&quot;,&quot;caption&quot;:&quot;&quot;,&quot;created_timestamp&quot;:&quot;0&quot;,&quot;copyright&quot;:&quot;&quot;,&quot;focal_length&quot;:&quot;0&quot;,&quot;iso&quot;:&quot;0&quot;,&quot;shutter_speed&quot;:&quot;0&quot;,&quot;title&quot;:&quot;&quot;,&quot;orientation&quot;:&quot;0&quot;}\" data-image-title=\"Capture d\u2019e\u0301cran, le 2025-01-24 a\u0300 14.44.46\" data-image-description=\"\" data-medium-file=\"https:\/\/i0.wp.com\/itayachtscanada.com\/wp-content\/uploads\/2025\/01\/Capture-decran-le-2025-01-24-a-14.44.46.jpg?fit=300%2C199&#038;ssl=1\" data-large-file=\"https:\/\/i0.wp.com\/itayachtscanada.com\/wp-content\/uploads\/2025\/01\/Capture-decran-le-2025-01-24-a-14.44.46.jpg?fit=700%2C466&#038;ssl=1\" src=\"https:\/\/i0.wp.com\/itayachtscanada.com\/wp-content\/uploads\/2025\/01\/Capture-decran-le-2025-01-24-a-14.44.46.jpg?w=171&#038;h=114&#038;ssl=1\" srcset=\"https:\/\/i0.wp.com\/itayachtscanada.com\/wp-content\/uploads\/2025\/01\/Capture-decran-le-2025-01-24-a-14.44.46.jpg?w=1540&amp;ssl=1 1540w, https:\/\/i0.wp.com\/itayachtscanada.com\/wp-content\/uploads\/2025\/01\/Capture-decran-le-2025-01-24-a-14.44.46.jpg?resize=300%2C199&amp;ssl=1 300w, https:\/\/i0.wp.com\/itayachtscanada.com\/wp-content\/uploads\/2025\/01\/Capture-decran-le-2025-01-24-a-14.44.46.jpg?resize=1024%2C681&amp;ssl=1 1024w, https:\/\/i0.wp.com\/itayachtscanada.com\/wp-content\/uploads\/2025\/01\/Capture-decran-le-2025-01-24-a-14.44.46.jpg?resize=768%2C511&amp;ssl=1 768w, https:\/\/i0.wp.com\/itayachtscanada.com\/wp-content\/uploads\/2025\/01\/Capture-decran-le-2025-01-24-a-14.44.46.jpg?resize=1536%2C1021&amp;ssl=1 1536w, https:\/\/i0.wp.com\/itayachtscanada.com\/wp-content\/uploads\/2025\/01\/Capture-decran-le-2025-01-24-a-14.44.46.jpg?resize=700%2C465&amp;ssl=1 700w, https:\/\/i0.wp.com\/itayachtscanada.com\/wp-content\/uploads\/2025\/01\/Capture-decran-le-2025-01-24-a-14.44.46.jpg?resize=900%2C600&amp;ssl=1 900w, https:\/\/i0.wp.com\/itayachtscanada.com\/wp-content\/uploads\/2025\/01\/Capture-decran-le-2025-01-24-a-14.44.46.jpg?resize=602%2C400&amp;ssl=1 602w, https:\/\/i0.wp.com\/itayachtscanada.com\/wp-content\/uploads\/2025\/01\/Capture-decran-le-2025-01-24-a-14.44.46.jpg?w=1400&amp;ssl=1 1400w\" width=\"171\" height=\"114\" loading=\"lazy\" data-original-width=\"171\" data-original-height=\"114\" itemprop=\"http:\/\/schema.org\/image\" title=\"Capture d\u2019e\u0301cran, le 2025-01-24 a\u0300 14.44.46\" alt=\"Capture d\u2019e\u0301cran, le 2025-01-24 a\u0300 14.44.46\" style=\"width: 171px; height: 114px;\" \/> <\/a> <\/div> <\/div> <!-- close group --> <div class=\"gallery-group images-1\" style=\"width: 175px; height: 118px;\" data-original-width=\"175\" data-original-height=\"118\" > <div class=\"tiled-gallery-item tiled-gallery-item-small\" itemprop=\"associatedMedia\" itemscope itemtype=\"http:\/\/schema.org\/ImageObject\"> <a href=\"https:\/\/itayachtscanada.com\/fr\/listing\/marlow-53e-2020-2599000-usd-for-sale\/capture-decran-le-2025-01-24-a-14-44-43\/\" border=\"0\" itemprop=\"url\"> <meta itemprop=\"width\" content=\"171\"> <meta itemprop=\"height\" content=\"114\"> <img decoding=\"async\" class=\"\" data-attachment-id=\"201698\" data-orig-file=\"https:\/\/itayachtscanada.com\/wp-content\/uploads\/2025\/01\/Capture-decran-le-2025-01-24-a-14.44.43.jpg\" data-orig-size=\"1540,1024\" data-comments-opened=\"1\" data-image-meta=\"{&quot;aperture&quot;:&quot;0&quot;,&quot;credit&quot;:&quot;&quot;,&quot;camera&quot;:&quot;&quot;,&quot;caption&quot;:&quot;&quot;,&quot;created_timestamp&quot;:&quot;0&quot;,&quot;copyright&quot;:&quot;&quot;,&quot;focal_length&quot;:&quot;0&quot;,&quot;iso&quot;:&quot;0&quot;,&quot;shutter_speed&quot;:&quot;0&quot;,&quot;title&quot;:&quot;&quot;,&quot;orientation&quot;:&quot;0&quot;}\" data-image-title=\"Capture d\u2019e\u0301cran, le 2025-01-24 a\u0300 14.44.43\" data-image-description=\"\" data-medium-file=\"https:\/\/i0.wp.com\/itayachtscanada.com\/wp-content\/uploads\/2025\/01\/Capture-decran-le-2025-01-24-a-14.44.43.jpg?fit=300%2C199&#038;ssl=1\" data-large-file=\"https:\/\/i0.wp.com\/itayachtscanada.com\/wp-content\/uploads\/2025\/01\/Capture-decran-le-2025-01-24-a-14.44.43.jpg?fit=700%2C466&#038;ssl=1\" src=\"https:\/\/i0.wp.com\/itayachtscanada.com\/wp-content\/uploads\/2025\/01\/Capture-decran-le-2025-01-24-a-14.44.43.jpg?w=171&#038;h=114&#038;ssl=1\" srcset=\"https:\/\/i0.wp.com\/itayachtscanada.com\/wp-content\/uploads\/2025\/01\/Capture-decran-le-2025-01-24-a-14.44.43.jpg?w=1540&amp;ssl=1 1540w, https:\/\/i0.wp.com\/itayachtscanada.com\/wp-content\/uploads\/2025\/01\/Capture-decran-le-2025-01-24-a-14.44.43.jpg?resize=300%2C199&amp;ssl=1 300w, https:\/\/i0.wp.com\/itayachtscanada.com\/wp-content\/uploads\/2025\/01\/Capture-decran-le-2025-01-24-a-14.44.43.jpg?resize=1024%2C681&amp;ssl=1 1024w, https:\/\/i0.wp.com\/itayachtscanada.com\/wp-content\/uploads\/2025\/01\/Capture-decran-le-2025-01-24-a-14.44.43.jpg?resize=768%2C511&amp;ssl=1 768w, https:\/\/i0.wp.com\/itayachtscanada.com\/wp-content\/uploads\/2025\/01\/Capture-decran-le-2025-01-24-a-14.44.43.jpg?resize=1536%2C1021&amp;ssl=1 1536w, https:\/\/i0.wp.com\/itayachtscanada.com\/wp-content\/uploads\/2025\/01\/Capture-decran-le-2025-01-24-a-14.44.43.jpg?resize=700%2C465&amp;ssl=1 700w, https:\/\/i0.wp.com\/itayachtscanada.com\/wp-content\/uploads\/2025\/01\/Capture-decran-le-2025-01-24-a-14.44.43.jpg?resize=900%2C600&amp;ssl=1 900w, https:\/\/i0.wp.com\/itayachtscanada.com\/wp-content\/uploads\/2025\/01\/Capture-decran-le-2025-01-24-a-14.44.43.jpg?resize=602%2C400&amp;ssl=1 602w, https:\/\/i0.wp.com\/itayachtscanada.com\/wp-content\/uploads\/2025\/01\/Capture-decran-le-2025-01-24-a-14.44.43.jpg?w=1400&amp;ssl=1 1400w\" width=\"171\" height=\"114\" loading=\"lazy\" data-original-width=\"171\" data-original-height=\"114\" itemprop=\"http:\/\/schema.org\/image\" title=\"Capture d\u2019e\u0301cran, le 2025-01-24 a\u0300 14.44.43\" alt=\"Capture d\u2019e\u0301cran, le 2025-01-24 a\u0300 14.44.43\" style=\"width: 171px; height: 114px;\" \/> <\/a> <\/div> <\/div> <!-- close group --> <div class=\"gallery-group images-1\" style=\"width: 175px; height: 118px;\" data-original-width=\"175\" data-original-height=\"118\" > <div class=\"tiled-gallery-item tiled-gallery-item-small\" itemprop=\"associatedMedia\" itemscope itemtype=\"http:\/\/schema.org\/ImageObject\"> <a href=\"https:\/\/itayachtscanada.com\/fr\/listing\/marlow-53e-2020-2599000-usd-for-sale\/capture-decran-le-2025-01-24-a-14-44-33\/\" border=\"0\" itemprop=\"url\"> <meta itemprop=\"width\" content=\"171\"> <meta itemprop=\"height\" content=\"114\"> <img decoding=\"async\" class=\"\" data-attachment-id=\"201699\" data-orig-file=\"https:\/\/itayachtscanada.com\/wp-content\/uploads\/2025\/01\/Capture-decran-le-2025-01-24-a-14.44.33.jpg\" data-orig-size=\"1540,1024\" data-comments-opened=\"1\" data-image-meta=\"{&quot;aperture&quot;:&quot;0&quot;,&quot;credit&quot;:&quot;&quot;,&quot;camera&quot;:&quot;&quot;,&quot;caption&quot;:&quot;&quot;,&quot;created_timestamp&quot;:&quot;0&quot;,&quot;copyright&quot;:&quot;&quot;,&quot;focal_length&quot;:&quot;0&quot;,&quot;iso&quot;:&quot;0&quot;,&quot;shutter_speed&quot;:&quot;0&quot;,&quot;title&quot;:&quot;&quot;,&quot;orientation&quot;:&quot;0&quot;}\" data-image-title=\"Capture d\u2019e\u0301cran, le 2025-01-24 a\u0300 14.44.33\" data-image-description=\"\" data-medium-file=\"https:\/\/i0.wp.com\/itayachtscanada.com\/wp-content\/uploads\/2025\/01\/Capture-decran-le-2025-01-24-a-14.44.33.jpg?fit=300%2C199&#038;ssl=1\" data-large-file=\"https:\/\/i0.wp.com\/itayachtscanada.com\/wp-content\/uploads\/2025\/01\/Capture-decran-le-2025-01-24-a-14.44.33.jpg?fit=700%2C466&#038;ssl=1\" src=\"https:\/\/i0.wp.com\/itayachtscanada.com\/wp-content\/uploads\/2025\/01\/Capture-decran-le-2025-01-24-a-14.44.33.jpg?w=171&#038;h=114&#038;ssl=1\" srcset=\"https:\/\/i0.wp.com\/itayachtscanada.com\/wp-content\/uploads\/2025\/01\/Capture-decran-le-2025-01-24-a-14.44.33.jpg?w=1540&amp;ssl=1 1540w, https:\/\/i0.wp.com\/itayachtscanada.com\/wp-content\/uploads\/2025\/01\/Capture-decran-le-2025-01-24-a-14.44.33.jpg?resize=300%2C199&amp;ssl=1 300w, https:\/\/i0.wp.com\/itayachtscanada.com\/wp-content\/uploads\/2025\/01\/Capture-decran-le-2025-01-24-a-14.44.33.jpg?resize=1024%2C681&amp;ssl=1 1024w, https:\/\/i0.wp.com\/itayachtscanada.com\/wp-content\/uploads\/2025\/01\/Capture-decran-le-2025-01-24-a-14.44.33.jpg?resize=768%2C511&amp;ssl=1 768w, https:\/\/i0.wp.com\/itayachtscanada.com\/wp-content\/uploads\/2025\/01\/Capture-decran-le-2025-01-24-a-14.44.33.jpg?resize=1536%2C1021&amp;ssl=1 1536w, https:\/\/i0.wp.com\/itayachtscanada.com\/wp-content\/uploads\/2025\/01\/Capture-decran-le-2025-01-24-a-14.44.33.jpg?resize=700%2C465&amp;ssl=1 700w, https:\/\/i0.wp.com\/itayachtscanada.com\/wp-content\/uploads\/2025\/01\/Capture-decran-le-2025-01-24-a-14.44.33.jpg?resize=900%2C600&amp;ssl=1 900w, https:\/\/i0.wp.com\/itayachtscanada.com\/wp-content\/uploads\/2025\/01\/Capture-decran-le-2025-01-24-a-14.44.33.jpg?resize=602%2C400&amp;ssl=1 602w, https:\/\/i0.wp.com\/itayachtscanada.com\/wp-content\/uploads\/2025\/01\/Capture-decran-le-2025-01-24-a-14.44.33.jpg?w=1400&amp;ssl=1 1400w\" width=\"171\" height=\"114\" loading=\"lazy\" data-original-width=\"171\" data-original-height=\"114\" itemprop=\"http:\/\/schema.org\/image\" title=\"Capture d\u2019e\u0301cran, le 2025-01-24 a\u0300 14.44.33\" alt=\"Capture d\u2019e\u0301cran, le 2025-01-24 a\u0300 14.44.33\" style=\"width: 171px; height: 114px;\" \/> <\/a> <\/div> <\/div> <!-- close group --> <\/div> <!-- close row --> <\/div>\n<p><strong>\u00a0<\/strong><\/p>\n<p>&nbsp;<\/p>\n<p><strong>Ita Yachts Canada propose de vous assister et de voir \u00e0 vos int\u00e9r\u00eats pour l\u2019achat de ce yacht qui est \u00e0 vendre par une autre organisation. Nous serons pr\u00e9sents lors de l\u2019inspection et tout au long de la transaction et ce peu importe sa localisation. L\u2019\u00e9quipe d\u2019Ita Yachts Canada se soumet au plus haut standard d\u2019\u00e9thique.<\/strong><\/p>\n<p>&nbsp;<\/p>\n<p>Principales am\u00e9liorations et notes<\/p>\n<p>Moteur John Deere mod\u00e8le 6135SLM @ 750 hp<br \/>\nClimatisation de la salle des machines (12k BTU)<br \/>\nPlanchers en teck et houx satin\u00e9 dans tout le bateau<br \/>\nBoiseries en teck satin\u00e9<br \/>\nStation d&rsquo;amarrage sur le pont arri\u00e8re (3\u00e8me station)<br \/>\nG\u00e9n\u00e9rateur Cummins 17 kW de plus grande taille<br \/>\nCompresseur d&rsquo;air<br \/>\nTr\u00e8s grand espace de rangement dans la cambuse<br \/>\n(2) interphones suppl\u00e9mentaires \u00e0 la barre<br \/>\nChangement de la banquette du salon b\u00e2bord<br \/>\nOption de double couchette sur le canap\u00e9 tribord<br \/>\nTable en teck Hi-lo<br \/>\nPorte coulissante vers la salle d&rsquo;eau principale<br \/>\nRangement pour la verrerie<br \/>\nPonts en teck supprim\u00e9s<br \/>\nPare-brise avant pour le pont permettant un excellent pilotage m\u00eame dans l&rsquo;eau la plus bleue<br \/>\nClimatisation du poste de pilotage<br \/>\nCouchettes suppl\u00e9mentaires VIP<br \/>\nAjout d&rsquo;un r\u00e9frig\u00e9rateur dans la buanderie<br \/>\nRangement des si\u00e8ges arri\u00e8re du cockpit<br \/>\nRampes am\u00e9lior\u00e9es<br \/>\nAjout de portes d&#8217;embarquement \u00e0 l&rsquo;avant<br \/>\nGril<br \/>\nCouvertures (toiles) sur mesure pour : Guindeau, pare-brise, casque sup\u00e9rieur, annexe, fauteuil de pilotage du Flybridge, toutes les tables ext\u00e9rieures, tous les coussins ext\u00e9rieurs et le gril.<br \/>\nEnceinte de flybridge \u00e0 3 c\u00f4t\u00e9s en excellent \u00e9tat d&rsquo;usine<br \/>\nEnceinte de cockpit<br \/>\nCha\u00eene d&rsquo;ancre suppl\u00e9mentaire<br \/>\nKit moteur et g\u00e9n\u00e9rateur de rechange<br \/>\nJeu d&rsquo;h\u00e9lices de rechange 600 gps Dessalinisateur Bluewater<br \/>\nPompes de rechange pour tous les syst\u00e8mes, y compris l&rsquo;AC, les refroidisseurs et les pi\u00e8ces de rechange en g\u00e9n\u00e9ral (appeler pour l&rsquo;inventaire)<br \/>\nSyst\u00e8me \u00e9lectronique Garmin premium level package &#8211; tr\u00e8s complet et bien pens\u00e9 par son propri\u00e9taire (appeler pour la liste compl\u00e8te et les sp\u00e9cifications de construction)<br \/>\nSyst\u00e8me de cam\u00e9ra CCTV Garmin avec 4 cam\u00e9ras<br \/>\nInternet Starlink, 2023<br \/>\nSyst\u00e8me HD KVH SAT TV HD7<br \/>\nSyst\u00e8me internet de secours sans fil \u00e0 proximit\u00e9 du rivage<br \/>\nCam\u00e9ra thermique de vision nocturne FLIR<\/p>\n<p>Construction<br \/>\nSemelles en teck et en houx, placages de teck pour les armoires et les parois.<br \/>\nPanneaux de pavillon et meubles en Ultraleather pour un int\u00e9rieur luxueux.<br \/>\nL&rsquo;approvisionnement durable en bois garantit l&rsquo;harmonie des grains et la protection de l&rsquo;environnement.<\/p>\n<p>&nbsp;<\/p>\n<p>Salon<br \/>\nSi\u00e8ges : Canap\u00e9 en Ultraleather en forme de L \u00e0 tribord et canap\u00e9 droit encastr\u00e9 \u00e0 b\u00e2bord<br \/>\nDivertissement : Un t\u00e9l\u00e9viseur de 46 pouces dissimul\u00e9 dans un buffet en teck avec des portes coulissantes \u00e0 rideaux.<br \/>\nEsth\u00e9tique : Les tons chauds des placages de teck, des tables basses et des armoires rehaussent l&rsquo;atmosph\u00e8re accueillante.<br \/>\nCuisine et d\u00eenette<\/p>\n<p>GALERIE<\/p>\n<p>(4 tiroirs r\u00e9frig\u00e9rateur\/cong\u00e9lateur Sub-Zero<br \/>\nLave-vaisselle, plaque de cuisson \u00e0 deux feux, micro-ondes et \u00e9vier en inox<\/p>\n<p>DINETTE<\/p>\n<p>En forme de U avec une table en teck, plac\u00e9e sous les fen\u00eatres avant, offrant un endroit id\u00e9al pour les repas ou la planification des cartes.<br \/>\nPoste de pilotage inf\u00e9rieur<\/p>\n<p>Enti\u00e8rement \u00e9quip\u00e9 d&rsquo;appareils \u00e9lectroniques Garmin :<\/p>\n<p>Deux \u00e9crans multifonctions de 16 pouces<br \/>\nPilote automatique, radar, sondeur, radio VHF, propulseurs d&rsquo;\u00e9trave et de poupe<br \/>\nContr\u00f4leur de stabilisateur de roulis Naiad<br \/>\nLa visibilit\u00e9 \u00e0 travers trois pare-brise et une d\u00e9coupe dans la cuisine permet une excellente connaissance de la situation.<\/p>\n<p>&nbsp;<\/p>\n<p>Cabine principale<br \/>\nPlein barrage, au milieu du bateau, avec une couchette king-size transversale<br \/>\nSalle d&rsquo;eau attenante avec portes de poche et cabine de douche s\u00e9par\u00e9e<br \/>\nAcc\u00e8s \u00e0 la salle des machines et \u00e0 la buanderie (lave-linge et s\u00e8che-linge inclus)<\/p>\n<p>&nbsp;<\/p>\n<p>Cabine VIP<br \/>\n\u00c0 l&rsquo;avant, avec une couchette queen sur l&rsquo;axe central et une salle de bain attenante<br \/>\nCouchettes au plafond<br \/>\nCabine d&rsquo;invit\u00e9<br \/>\nDeux lits jumeaux pour plus de confort<\/p>\n<p>Pont Flybridge<br \/>\nSi\u00e8ges : Banquette \u00e0 b\u00e2bord et canap\u00e9 en L avec table en fibre de verre \u00e0 tribord<br \/>\nPoste de pilotage : Deux chaises Stidd et commandes compl\u00e8tes avec deux \u00e9crans Garmin<br \/>\nCommodit\u00e9s : Grill, \u00e9vier, r\u00e9frig\u00e9rateur, machine \u00e0 gla\u00e7ons et chaises longues en option pour se d\u00e9tendre \u00e0 l&rsquo;ext\u00e9rieur.<\/p>\n<p>&nbsp;<\/p>\n<p>Pont arri\u00e8re<br \/>\nZone de repas en plein air avec une banquette et une table sur le tableau arri\u00e8re<br \/>\nSurplomb du flybridge pour une protection contre le soleil et la pluie<br \/>\nDeux portes vers le salon pour une meilleure circulation entre les espaces<\/p>\n<p>&nbsp;<\/p>\n<p>Ponts et accessibilit\u00e9<br \/>\nPonts de promenade pour faciliter la manipulation des lignes et les mouvements lors de l&rsquo;accostage<br \/>\nPont portugais avec si\u00e8ges int\u00e9gr\u00e9s pour plus de fonctionnalit\u00e9 et de confort<br \/>\nDeux escaliers arri\u00e8re \u00e0 partir de la plate-forme de bain pour un embarquement pratique<br \/>\nIng\u00e9nierie remarquable<br \/>\nLe pont semi-ferm\u00e9 int\u00e8gre l&rsquo;armature du pare-brise dans le toit rigide pour r\u00e9duire le brise-vent et offrir une protection suppl\u00e9mentaire.<br \/>\nRideaux lat\u00e9raux et climatisation en option pour une utilisation en toute saison<br \/>\nSalle des machines avec hauteur sous barrots et acc\u00e8s pour l&rsquo;entr<\/p>\n<\/div>\n<\/div>\n<div>\n<div class=\"html-content-description\">\n<div>\n<p><strong>\u00a0<\/strong><\/p>\n<p><strong>DISCLAIMER<\/strong><\/p>\n<p>The boat presented on this page is for information purposes only and is not necessarily available for sale and\/or rent. This boat is offered under reserve, availability to be verified.\u00a0 This document or this announcement is not contractual. The boat information displayed in the above results is presented in good faith and, while believed to be correct, is not guaranteed. Ita Yachts Canada Inc. does not offer warranty or assume any legal liability or responsibility for the accuracy, completeness, or usefulness of the information and\/or images displayed, as they may not be current or may be images of a comparable boat. All boat information is subject to change without notice and is without warranty. This boat may be offered by another broker open to co-brokerage.<\/p>\n<p>&nbsp;<\/p>\n<div data-test='contact-form'\n\t\t\tid='contact-form-201631'\n\t\t\tclass='jetpack-contact-form-container '\n\t\t\tdata-wp-interactive='jetpack\/form' data-wp-context='{\"formId\":\"201631\",\"formHash\":\"e5023fab2e672b1feae910cfe52f7b5c656fa45b\",\"showErrors\":false,\"errors\":[],\"fields\":[],\"isMultiStep\":false,\"useAjax\":false,\"submissionData\":null,\"formattedSubmissionData\":[],\"submissionSuccess\":false,\"submissionError\":null,\"elementId\":\"jp-form-e5023fab2e672b1feae910cfe52f7b5c656fa45b\",\"isSingleInputForm\":false,\"isForcedHorizontal\":false}'\n\t\t\tdata-wp-watch--scroll-to-wrapper=\"callbacks.scrollToWrapper\"\n\t\t>\n<div class=\"contact-form-submission contact-form-ajax-submission\" data-wp-bind--aria-hidden=\"state.isSuccessMessageAriaHidden\" data-wp-class--submission-success=\"context.submissionSuccess\" id=\"contact-form-success-e5023fab2e672b1feae910cfe52f7b5c656fa45b\" tabindex=\"-1\" aria-labelledby=\"contact-form-success-header-e5023fab2e672b1feae910cfe52f7b5c656fa45b\"><p class=\"go-back-message\"><a class=\"link\" role=\"button\" tabindex=\"0\" data-wp-on--click=\"actions.goBack\" href=\"\/fr\/wp-json\/wp\/v2\/listing\/201631\">\u2190 Retour<\/a><\/p><h4 data-wp-bind--aria-hidden=\"state.isSuccessMessageAriaHidden\" id=\"contact-form-success-header-e5023fab2e672b1feae910cfe52f7b5c656fa45b\">Merci pour votre r\u00e9ponse. \u2728<\/h4>\n\n<template data-wp-each--submission=\"context.formattedSubmissionData\">\n\t\t\t\t\t<div class=\"jetpack_forms_contact-form-success-summary\">\n\t\t\t\t\t\t<div class=\"field-name-wrapper\">\n\t\t\t\t\t\t\t<div class=\"field-type-icon\" data-wp-watch=\"callbacks.watchFieldTypeIcon\"><\/div>\n\t\t\t\t\t\t\t<div class=\"field-name\" data-wp-text=\"context.submission.label\" data-wp-bind--hidden=\"!context.submission.label\"><\/div>\n\t\t\t\t\t\t<\/div>\n\t\t\t\t\t\t<div class=\"field-value\" data-wp-text=\"context.submission.value\" data-wp-bind--hidden=\"!context.submission.showPlainValue\"><\/div>\n\t\t\t\t\t\t<a class=\"field-url\" data-wp-bind--href=\"context.submission.url\" data-wp-text=\"context.submission.value\" data-wp-bind--hidden=\"!context.submission.url\" target=\"_blank\" rel=\"noopener noreferrer\"><\/a>\n\t\t\t\t\t\t<div class=\"field-rating\" data-wp-bind--hidden=\"!context.submission.rating\" data-wp-watch=\"callbacks.watchRatingIcons\"><\/div>\n\t\t\t\t\t\t<div class=\"field-images\" data-wp-bind--hidden=\"!context.submission.images\">\n\t\t\t\t\t\t\t<template data-wp-each--image=\"context.submission.images\">\n\t\t\t\t\t\t\t\t<div class=\"field-image-option\" data-wp-class--is-empty=\"!context.image.src\">\n\t\t\t\t\t\t\t\t\t<figure class=\"field-image-option__image\" data-wp-class--is-empty=\"!context.image.src\">\n\t\t\t\t\t\t\t\t\t\t<img data-wp-bind--src=\"context.image.src\" data-wp-bind--hidden=\"!context.image.src\" \/>\n\t\t\t\t\t\t\t\t\t\t<img decoding=\"async\" src=\"data:image\/gif;base64,R0lGODlhAQABAAD\/ACwAAAAAAQABAAACADs=\" data-wp-bind--hidden=\"context.image.src\" \/>\n\t\t\t\t\t\t\t\t\t<\/figure>\n\t\t\t\t\t\t\t\t\t<div class=\"field-image-option__label-wrapper\">\n\t\t\t\t\t\t\t\t\t\t<span class=\"field-image-option__label-code\" data-wp-text=\"context.image.letterCode\"><\/span>\n\t\t\t\t\t\t\t\t\t\t<span class=\"field-image-option__label\" data-wp-text=\"context.image.label\" data-wp-bind--hidden=\"!context.image.label\"><\/span>\n\t\t\t\t\t\t\t\t\t<\/div>\n\t\t\t\t\t\t\t\t<\/div>\n\t\t\t\t\t\t\t<\/template>\n\t\t\t\t\t\t<\/div>\n\t\t\t\t\t\t<div class=\"field-files\" data-wp-bind--hidden=\"!context.submission.files\">\n\t\t\t\t\t\t\t<template data-wp-each--file=\"context.submission.files\">\n\t\t\t\t\t\t\t\t<div class=\"field-file\">\n\t\t\t\t\t\t\t\t\t<div class=\"field-file__thumbnail\" data-wp-style--background-image=\"context.file.previewUrl\" data-wp-style--mask-image=\"context.file.iconUrl\" data-wp-bind--hidden=\"!context.file.hasPreview\"><\/div>\n\t\t\t\t\t\t\t\t\t<svg class=\"field-file__icon\" data-wp-bind--hidden=\"context.file.hasPreview\" width=\"20\" height=\"20\" viewBox=\"0 0 24 24\" fill=\"none\" xmlns=\"http:\/\/www.w3.org\/2000\/svg\" aria-hidden=\"true\">\n\t\t\t\t\t\t\t\t\t\t<path d=\"M14 2H6C4.9 2 4 2.9 4 4V20C4 21.1 4.89 22 5.99 22H18C19.1 22 20 21.1 20 20V8L14 2ZM18 20H6V4H13V9H18V20Z\" fill=\"currentColor\"\/>\n\t\t\t\t\t\t\t\t\t<\/svg>\n\t\t\t\t\t\t\t\t\t<span class=\"field-file__name\" data-wp-text=\"context.file.name\"><\/span>\n\t\t\t\t\t\t\t\t\t<span class=\"field-file__size\" data-wp-text=\"context.file.size\"><\/span>\n\t\t\t\t\t\t\t\t<\/div>\n\t\t\t\t\t\t\t<\/template>\n\t\t\t\t\t\t<\/div>\n\t\t\t\t\t<\/div>\n\t\t\t\t<\/template><\/div><form action='https:\/\/itayachtscanada.com\/fr\/listing\/marlow-53e-2020-2599000-usd-for-sale\/'\n\t\t\t\tid='jp-form-e5023fab2e672b1feae910cfe52f7b5c656fa45b'\n\t\t\t\tmethod='post'\n\t\t\t\tclass='contact-form commentsblock jetpack-contact-form__form has-no-jetpack-form-layout' aria-label=\"{:en}Marlow 53E 2020 $2,300,000 usd for sale{:}{:fr}Marlow 53E 2020 $2,300,000 usd \u00e0 vendre{:}\"\n\t\t\t\tdata-wp-on--submit=\"actions.onFormSubmit\"\n\t\t\t\tdata-wp-on--reset=\"actions.onFormReset\"\n\t\t\t\tdata-wp-class--submission-success=\"context.submissionSuccess\"\n\t\t\t\tdata-wp-class--is-first-step=\"state.isFirstStep\"\n\t\t\t\tdata-wp-class--is-last-step=\"state.isLastStep\"\n\t\t\t\tdata-wp-class--is-ajax-form=\"context.useAjax\"\n\t\t\t\tnovalidate >\n<input type='hidden' name='jetpack_contact_form_jwt' value='eyJ0eXAiOiJKV1QiLCJhbGciOiJIUzI1NiJ9.eyJlbmNyeXB0ZWRfYXR0cmlidXRlcyI6IlZpekxLUG1jcVlRNndMYzJmWHpaZFpwNGdWVGhKaFhjOFpBakFSTlBta0ZWMWVGekljeGZkV1psWktoaVNjVmN1b1Y3cEhqcCtpSjArQzJSajYxamR0bGpHdzI4TFdXWmEwTXc3Q0N3aFhMZEZRQlMxN01PSXNOZkJvSzBER0pUR1V2UVFSVVNGUUFsd1ZPV0N6Mmlmc0t6TXBOVk5sUGRYSkx3ZURnWGRPc2phKzlxbi95aWZHdjRVVlcxd0dKTXBHR3RvbTZ2dnNwa2FKSjc4cDdpcDV3RHNQakl4Y0Z5THVuQkN5T0xKSGVKbFYyUTBsZ041VkZhNUs5bTN4aGEvTjF3eVVwb2NWdkQ0anFZRmQzbU1wZEVWcnpCSmliZXFrTFNZY0VpQ0ZYaUNJQkhucW9OSjFyZlFZY2hqcWlRa3M3SlBVYzRCVXV4eU5mSmhsQ09vc3IzWVJXR1hzT3hLSGdyMVJxcHYzVUpJQlZOV21XUGhjclpzUUdLcmtIRmFhL1FwUVphUlJYdzZxMG51VndOVUZ1cDlYOFJYMkRGemMwUnY2SE9TUVBYUENIbHZiaThXZ0g4QngwdnY4OHNkKzRBQ3M3RlIrUmVyaEd0Sk9OWTdwS0lYa2xVR3VsdVNrOFprUUJVK2dlL21LWG4yeVJVVUlLcmRKcnY0YmdJUW5EQUdoQm5qbXo0bTFBM1B0RGFkSzVjemlEZU14Z0ZaaVlBbVJGNEhlMzZJWDhQazBmdXVyUjZpREd0OCs5ay9ibk1PcUEwM3dwSlpPTllCcGlJS0lpMFpXOEpMblowYXBWaVBaOGFnR291U0IySDF5V1hURDhubjR6Q29IaS9lam0zYmNSdnQxTklaamJBVE5MS1d6WWNnMFdKZVIya3lMaGtOZENkVmVtU3JBMlVjMERLM04vaWZZeFBGaHc3YnNQTFBXT1RNYlpDelhKN0pVNERPclZOZmxSUnMrZEtHTDMxZ0Z0WlBhck1FelZpY25IQU1XWFRJQXdrUTN3OFlsM29OZW1Lc1JrYzdnUTJwb0hobElzZE5neC9yL0NmRGtUVnFTTkRCK25tQzRhV1QwTHA4NU9WWmZWT21aL3p5WDNueG1XSmMyclg4N0JOQVQ2cEpkN2MzaTV3UG92bVFnMDFzc2NVSzEycXlOMGtvMnRBSUFaK0dzMHVQZC96Y0tTUTl4Z3Q1N1FwdTRKckwzOHF2M0FyaGlHNnFHSUxSaGtIZ09HS1FDMVJyZ0xyTUZzTjNvTnU4ZXk5UFRBPSIsImNvbnRlbnQiOiJbY29udGFjdC1maWVsZCBsYWJlbD1cIk5hbWU6XCIgdHlwZT1cIm5hbWVcIiByZXF1aXJlZD1cIjFcIl1bY29udGFjdC1maWVsZCBsYWJlbD1cIkUtbWFpbFwiIHR5cGU9XCJlbWFpbFwiIHJlcXVpcmVkPVwiMVwiXVtjb250YWN0LWZpZWxkIGxhYmVsPVwiQWJvdXQgdGhpcyB5YWNodDogXCIgdHlwZT1cInRleHRcIl1bY29udGFjdC1maWVsZCBsYWJlbD1cIk1lc3NhZ2VcIiB0eXBlPVwidGV4dGFyZWFcIl0iLCJoYXNoIjoiZTUwMjNmYWIyZTY3MmIxZmVhZTkxMGNmZTUyZjdiNWM2NTZmYTQ1YiIsInNvdXJjZSI6eyJlbnRyeV90aXRsZSI6Ik1hcmxvdyA1M0UgMjAyMCAkMiwzMDAsMDAwIHVzZCBcdTAwZTAgdmVuZHJlIiwiZW50cnlfcGFnZSI6MSwic291cmNlX2lkIjoyMDE2MzEsInNvdXJjZV90eXBlIjoic2luZ2xlIiwicmVxdWVzdF91cmwiOiJodHRwczovL2l0YXlhY2h0c2NhbmFkYS5jb20vZnIvd3AtanNvbi93cC92Mi9saXN0aW5nLzIwMTYzMSJ9LCJ2ZXJzaW9uIjoyLCJjaXBoZXIiOiJhZXMtMjU2LWdjbSJ9.coCp1aXpOAIgOxavCujpAnsMlXySOeZuqyup5nX7FTs' \/>\n\n<div style=\"\"  data-wp-interactive=\"jetpack\/form\" data-wp-context='{\"fieldId\":\"g201631-name\",\"fieldType\":\"name\",\"fieldLabel\":\"Name:\",\"fieldValue\":\"\",\"fieldPlaceholder\":\"\",\"fieldIsRequired\":\"1\",\"fieldErrorMessage\":\"\",\"fieldExtra\":[],\"formHash\":\"e5023fab2e672b1feae910cfe52f7b5c656fa45b\"}'  class='grunion-field-name-wrap grunion-field-wrap'  data-wp-init='callbacks.initializeField' data-wp-on--jetpack-form-reset='callbacks.initializeField' >\n<label\n\t\t\t\tfor='g201631-name' class=\"grunion-field-label name\" >Name:<span class=\"grunion-label-required\" aria-hidden=\"true\">(obligatoire)<\/span><\/label>\n<input\n\t\t\t\t\ttype='text'\n\t\t\t\t\tname='g201631-name'\n\t\t\t\t\tid='g201631-name'\n\t\t\t\t\tvalue=''\n\n\t\t\t\t\tdata-wp-bind--aria-invalid='state.fieldAriaInvalid'\n\t\t\t\t\tdata-wp-bind--value='state.getFieldValue'\n\t\t\t\t\taria-describedby='g201631-name-text-error-message'\n\t\t\t\t\tdata-wp-on--input='actions.onFieldChange'\n\t\t\t\t\tdata-wp-on--blur='actions.onFieldBlur'\n\t\t\t\t\tdata-wp-class--has-value='state.hasFieldValue'\n\n\t\t\t\t\tclass='name  grunion-field' \n\t\t\t\t\trequired='true' aria-required='true'  \/>\n \n\t\t\t<div id=\"g201631-name-text-error\" class=\"contact-form__input-error\" data-wp-class--has-errors=\"state.fieldHasErrors\">\n\t\t\t\t<span class=\"contact-form__warning-icon\" aria-hidden=\"true\">\n\t\t\t\t\t<svg width=\"16\" height=\"16\" viewBox=\"0 0 16 16\" fill=\"none\" xmlns=\"http:\/\/www.w3.org\/2000\/svg\">\n\t\t\t\t\t\t<path d=\"M8.50015 11.6402H7.50015V10.6402H8.50015V11.6402Z\" \/>\n\t\t\t\t\t\t<path d=\"M7.50015 9.64018H8.50015V6.30684H7.50015V9.64018Z\" \/>\n\t\t\t\t\t\t<path fill-rule=\"evenodd\" clip-rule=\"evenodd\" d=\"M6.98331 3.0947C7.42933 2.30177 8.57096 2.30177 9.01698 3.09469L13.8771 11.7349C14.3145 12.5126 13.7525 13.4735 12.8602 13.4735H3.14004C2.24774 13.4735 1.68575 12.5126 2.12321 11.7349L6.98331 3.0947ZM8.14541 3.58496C8.08169 3.47168 7.9186 3.47168 7.85488 3.58496L2.99478 12.2251C2.93229 12.3362 3.01257 12.4735 3.14004 12.4735H12.8602C12.9877 12.4735 13.068 12.3362 13.0055 12.2251L8.14541 3.58496Z\" \/>\n\t\t\t\t\t<\/svg>\n\t\t\t\t<\/span>\n\t\t\t\t<span data-wp-text=\"state.errorMessage\" id=\"g201631-name-text-error-message\"><\/span>\n\t\t\t<\/div> \n\t<\/div>\n\n<div style=\"\"  data-wp-interactive=\"jetpack\/form\" data-wp-context='{\"fieldId\":\"g201631-email\",\"fieldType\":\"email\",\"fieldLabel\":\"E-mail\",\"fieldValue\":\"\",\"fieldPlaceholder\":\"\",\"fieldIsRequired\":\"1\",\"fieldErrorMessage\":\"\",\"fieldExtra\":[],\"formHash\":\"e5023fab2e672b1feae910cfe52f7b5c656fa45b\"}'  class='grunion-field-email-wrap grunion-field-wrap'  data-wp-init='callbacks.initializeField' data-wp-on--jetpack-form-reset='callbacks.initializeField' >\n<label\n\t\t\t\tfor='g201631-email' class=\"grunion-field-label email\" >E-mail<span class=\"grunion-label-required\" aria-hidden=\"true\">(obligatoire)<\/span><\/label>\n<input\n\t\t\t\t\ttype='email'\n\t\t\t\t\tname='g201631-email'\n\t\t\t\t\tid='g201631-email'\n\t\t\t\t\tvalue=''\n\n\t\t\t\t\tdata-wp-bind--aria-invalid='state.fieldAriaInvalid'\n\t\t\t\t\tdata-wp-bind--value='state.getFieldValue'\n\t\t\t\t\taria-describedby='g201631-email-email-error-message'\n\t\t\t\t\tdata-wp-on--input='actions.onFieldChange'\n\t\t\t\t\tdata-wp-on--blur='actions.onFieldBlur'\n\t\t\t\t\tdata-wp-class--has-value='state.hasFieldValue'\n\n\t\t\t\t\tclass='email  grunion-field' \n\t\t\t\t\trequired='true' aria-required='true'  \/>\n \n\t\t\t<div id=\"g201631-email-email-error\" class=\"contact-form__input-error\" data-wp-class--has-errors=\"state.fieldHasErrors\">\n\t\t\t\t<span class=\"contact-form__warning-icon\" aria-hidden=\"true\">\n\t\t\t\t\t<svg width=\"16\" height=\"16\" viewBox=\"0 0 16 16\" fill=\"none\" xmlns=\"http:\/\/www.w3.org\/2000\/svg\">\n\t\t\t\t\t\t<path d=\"M8.50015 11.6402H7.50015V10.6402H8.50015V11.6402Z\" \/>\n\t\t\t\t\t\t<path d=\"M7.50015 9.64018H8.50015V6.30684H7.50015V9.64018Z\" \/>\n\t\t\t\t\t\t<path fill-rule=\"evenodd\" clip-rule=\"evenodd\" d=\"M6.98331 3.0947C7.42933 2.30177 8.57096 2.30177 9.01698 3.09469L13.8771 11.7349C14.3145 12.5126 13.7525 13.4735 12.8602 13.4735H3.14004C2.24774 13.4735 1.68575 12.5126 2.12321 11.7349L6.98331 3.0947ZM8.14541 3.58496C8.08169 3.47168 7.9186 3.47168 7.85488 3.58496L2.99478 12.2251C2.93229 12.3362 3.01257 12.4735 3.14004 12.4735H12.8602C12.9877 12.4735 13.068 12.3362 13.0055 12.2251L8.14541 3.58496Z\" \/>\n\t\t\t\t\t<\/svg>\n\t\t\t\t<\/span>\n\t\t\t\t<span data-wp-text=\"state.errorMessage\" id=\"g201631-email-email-error-message\"><\/span>\n\t\t\t<\/div> \n\t<\/div>\n\n<div style=\"\"  data-wp-interactive=\"jetpack\/form\" data-wp-context='{\"fieldId\":\"g201631-aboutthisyacht\",\"fieldType\":\"text\",\"fieldLabel\":\"About this yacht: \",\"fieldValue\":\"\",\"fieldPlaceholder\":\"\",\"fieldIsRequired\":\"\",\"fieldErrorMessage\":\"\",\"fieldExtra\":[],\"formHash\":\"e5023fab2e672b1feae910cfe52f7b5c656fa45b\"}'  class='grunion-field-text-wrap grunion-field-wrap'  data-wp-init='callbacks.initializeField' data-wp-on--jetpack-form-reset='callbacks.initializeField' >\n<label\n\t\t\t\tfor='g201631-aboutthisyacht' class=\"grunion-field-label text\" >About this yacht: <\/label>\n<input\n\t\t\t\t\ttype='text'\n\t\t\t\t\tname='g201631-aboutthisyacht'\n\t\t\t\t\tid='g201631-aboutthisyacht'\n\t\t\t\t\tvalue=''\n\n\t\t\t\t\tdata-wp-bind--aria-invalid='state.fieldAriaInvalid'\n\t\t\t\t\tdata-wp-bind--value='state.getFieldValue'\n\t\t\t\t\taria-describedby='g201631-aboutthisyacht-text-error-message'\n\t\t\t\t\tdata-wp-on--input='actions.onFieldChange'\n\t\t\t\t\tdata-wp-on--blur='actions.onFieldBlur'\n\t\t\t\t\tdata-wp-class--has-value='state.hasFieldValue'\n\n\t\t\t\t\tclass='text  grunion-field' \n\t\t\t\t\t \/>\n \n\t\t\t<div id=\"g201631-aboutthisyacht-text-error\" class=\"contact-form__input-error\" data-wp-class--has-errors=\"state.fieldHasErrors\">\n\t\t\t\t<span class=\"contact-form__warning-icon\" aria-hidden=\"true\">\n\t\t\t\t\t<svg width=\"16\" height=\"16\" viewBox=\"0 0 16 16\" fill=\"none\" xmlns=\"http:\/\/www.w3.org\/2000\/svg\">\n\t\t\t\t\t\t<path d=\"M8.50015 11.6402H7.50015V10.6402H8.50015V11.6402Z\" \/>\n\t\t\t\t\t\t<path d=\"M7.50015 9.64018H8.50015V6.30684H7.50015V9.64018Z\" \/>\n\t\t\t\t\t\t<path fill-rule=\"evenodd\" clip-rule=\"evenodd\" d=\"M6.98331 3.0947C7.42933 2.30177 8.57096 2.30177 9.01698 3.09469L13.8771 11.7349C14.3145 12.5126 13.7525 13.4735 12.8602 13.4735H3.14004C2.24774 13.4735 1.68575 12.5126 2.12321 11.7349L6.98331 3.0947ZM8.14541 3.58496C8.08169 3.47168 7.9186 3.47168 7.85488 3.58496L2.99478 12.2251C2.93229 12.3362 3.01257 12.4735 3.14004 12.4735H12.8602C12.9877 12.4735 13.068 12.3362 13.0055 12.2251L8.14541 3.58496Z\" \/>\n\t\t\t\t\t<\/svg>\n\t\t\t\t<\/span>\n\t\t\t\t<span data-wp-text=\"state.errorMessage\" id=\"g201631-aboutthisyacht-text-error-message\"><\/span>\n\t\t\t<\/div> \n\t<\/div>\n\n<div style=\"\"  data-wp-interactive=\"jetpack\/form\" data-wp-context='{\"fieldId\":\"g201631-message\",\"fieldType\":\"textarea\",\"fieldLabel\":\"Message\",\"fieldValue\":\"\",\"fieldPlaceholder\":\"\",\"fieldIsRequired\":\"\",\"fieldErrorMessage\":\"\",\"fieldExtra\":[],\"formHash\":\"e5023fab2e672b1feae910cfe52f7b5c656fa45b\"}'  class='grunion-field-textarea-wrap grunion-field-wrap'  data-wp-init='callbacks.initializeField' data-wp-on--jetpack-form-reset='callbacks.initializeField' >\n<label\n\t\t\t\tfor='contact-form-comment-g201631-message' class=\"grunion-field-label textarea\" >Message<\/label>\n<textarea\n\t\t                style=''\n\t\t                name='g201631-message'\n\t\t                id='contact-form-comment-g201631-message'\n\t\t                rows='20'\n\t\t\t\t\t\tdata-wp-text='state.getFieldValue'\n\t\t\t\t\t\tdata-wp-on--input='actions.onFieldChange'\n\t\t\t\t\t\tdata-wp-on--blur='actions.onFieldBlur'\n\t\t\t\t\t\tdata-wp-class--has-value='state.hasFieldValue'\n\t\t\t\t\t\taria-describedby='g201631-message-textarea-error-message'\n\t\t\t\t\t\tdata-wp-bind--aria-invalid='state.fieldAriaInvalid'\n\t\t\t\t\t\tclass='textarea  grunion-field'  ><\/textarea>\n \n\t\t\t<div id=\"g201631-message-textarea-error\" class=\"contact-form__input-error\" data-wp-class--has-errors=\"state.fieldHasErrors\">\n\t\t\t\t<span class=\"contact-form__warning-icon\" aria-hidden=\"true\">\n\t\t\t\t\t<svg width=\"16\" height=\"16\" viewBox=\"0 0 16 16\" fill=\"none\" xmlns=\"http:\/\/www.w3.org\/2000\/svg\">\n\t\t\t\t\t\t<path d=\"M8.50015 11.6402H7.50015V10.6402H8.50015V11.6402Z\" \/>\n\t\t\t\t\t\t<path d=\"M7.50015 9.64018H8.50015V6.30684H7.50015V9.64018Z\" \/>\n\t\t\t\t\t\t<path fill-rule=\"evenodd\" clip-rule=\"evenodd\" d=\"M6.98331 3.0947C7.42933 2.30177 8.57096 2.30177 9.01698 3.09469L13.8771 11.7349C14.3145 12.5126 13.7525 13.4735 12.8602 13.4735H3.14004C2.24774 13.4735 1.68575 12.5126 2.12321 11.7349L6.98331 3.0947ZM8.14541 3.58496C8.08169 3.47168 7.9186 3.47168 7.85488 3.58496L2.99478 12.2251C2.93229 12.3362 3.01257 12.4735 3.14004 12.4735H12.8602C12.9877 12.4735 13.068 12.3362 13.0055 12.2251L8.14541 3.58496Z\" \/>\n\t\t\t\t\t<\/svg>\n\t\t\t\t<\/span>\n\t\t\t\t<span data-wp-text=\"state.errorMessage\" id=\"g201631-message-textarea-error-message\"><\/span>\n\t\t\t<\/div>\n\t<\/div>\n\t<p class='contact-submit'>\n<div class=\"contact-form__error\" data-wp-class--show-errors=\"state.showFormErrors\"><span class=\"contact-form__warning-icon\" aria-hidden=\"true\"><i><\/i><\/span><span class=\"contact-form__error-message\" tabindex=\"-1\" data-wp-watch=\"callbacks.focusOnValidationError\" data-wp-text=\"state.getFormErrorMessage\"><\/span><ul aria-label=\"Erreurs de formulaire\">\n\t\t\t\t<template data-wp-each=\"state.getErrorList\" data-wp-key=\"context.item.id\">\n\t\t\t\t\t<li><a data-wp-bind--href=\"context.item.anchor\" data-wp-on--click=\"actions.scrollIntoView\" data-wp-text=\"context.item.label\"><\/a><\/li>\n\t\t\t\t<\/template>\n\t\t\t\t<\/ul><\/div><div class=\"contact-form__error\" data-wp-class--show-errors=\"state.showSubmissionError\" data-wp-text=\"context.submissionError\" tabindex=\"-1\" data-wp-watch=\"callbacks.focusOnSubmissionError\"><\/div>\t\t<button type='submit' class='pushbutton-wide'>Envoyer<\/button>\t\t<input type='hidden' name='contact-form-id' value='201631' \/>\n\t\t<input type='hidden' name='action' value='grunion-contact-form' \/>\n\t\t<input type='hidden' name='contact-form-hash' value='e5023fab2e672b1feae910cfe52f7b5c656fa45b' \/>\n\t<\/p>\n<p style=\"display: none !important;\" class=\"akismet-fields-container\" data-prefix=\"ak_\"><label>&#916;<textarea name=\"ak_hp_textarea\" cols=\"45\" rows=\"8\" maxlength=\"100\"><\/textarea><\/label><input type=\"hidden\" id=\"ak_js_1\" name=\"ak_js\" value=\"49\"\/><script type=\"text\/javascript\">\n\/* <![CDATA[ *\/\ndocument.getElementById( \"ak_js_1\" ).setAttribute( \"value\", ( new Date() ).getTime() );\n\/* ]]> *\/\n<\/script>\n<\/p><\/form>\n<\/div>\n<p>&nbsp;<\/p>\n<p>&nbsp;<\/p>\n<\/div>\n<\/div>\n<\/div>\n","protected":false},"excerpt":{"rendered":"<p>OFF MARKET Marlow 53E 2020 $2,300,000 usd \u00e0 vendre Le Marlow 53E est un yacht \u00e0 moteur de luxe, r\u00e9put\u00e9 pour sa construction sup\u00e9rieure, son design raffin\u00e9 et sa facilit\u00e9 d&rsquo;utilisation pour les propri\u00e9taires-exploitants. Construit sur une base d&rsquo;am\u00e9lioration continue, chaque it\u00e9ration am\u00e9liore la qualit\u00e9 tout en conservant les points forts du yacht. La coque &hellip; <a href=\"https:\/\/itayachtscanada.com\/fr\/listing\/marlow-53e-2020-2599000-usd-for-sale\/\" class=\"more-link\">Lire la suite <span class=\"screen-reader-text\">Marlow 53E 2020 $2,300,000 usd \u00e0 vendre<\/span> <span class=\"meta-nav\">&rarr;<\/span><\/a><\/p>\n","protected":false},"author":119081455,"featured_media":201637,"parent":0,"menu_order":0,"comment_status":"open","ping_status":"open","template":"","format":"standard","meta":{"_coblocks_attr":"","_coblocks_dimensions":"","_coblocks_responsive_height":"","_coblocks_accordion_ie_support":"","_lmt_disableupdate":"no","_lmt_disable":"no","advanced_seo_description":"","jetpack_seo_html_title":"","jetpack_seo_noindex":false,"footnotes":""},"manufacturer":[6547],"prix":[6835],"years":[6379],"length_feet":[6587],"boat_type":[6464],"price_range":[6580],"localisations":[],"numyacht":[10107],"datevente":[10392,10511,10626,10750,11080,11208,11312],"country":[10755],"states":[10770],"city":[10812],"fresh-water-boat":[10809],"broker":[],"migration":[10888],"class_list":["post-201631","listing","type-listing","status-publish","format-standard","has-post-thumbnail","hentry","manufacturer-marlow","prix-6835","years-6379","length_feet-between-50-and-59-feets","boat_type-flybridge","price_range-1500000-2999999","numyacht-10107","datevente-2025-05-18","datevente-2025-07-13","datevente-2025-09-08","datevente-2025-11-04","datevente-2026-01-01","datevente-2026-03-01","datevente-2026-04-25","country-united-states","states-floride","city-fort-lauderdale","fresh-water-boat-non","migration-non"],"translation":{"provider":"WPGlobus","version":"2.12.2","language":"fr","enabled_languages":["en","fr"],"languages":{"en":{"title":true,"content":true,"excerpt":false},"fr":{"title":true,"content":true,"excerpt":false}}},"jetpack_likes_enabled":true,"jetpack_sharing_enabled":true,"_links":{"self":[{"href":"https:\/\/itayachtscanada.com\/fr\/wp-json\/wp\/v2\/listing\/201631","targetHints":{"allow":["GET"]}}],"collection":[{"href":"https:\/\/itayachtscanada.com\/fr\/wp-json\/wp\/v2\/listing"}],"about":[{"href":"https:\/\/itayachtscanada.com\/fr\/wp-json\/wp\/v2\/types\/listing"}],"author":[{"embeddable":true,"href":"https:\/\/itayachtscanada.com\/fr\/wp-json\/wp\/v2\/users\/119081455"}],"replies":[{"embeddable":true,"href":"https:\/\/itayachtscanada.com\/fr\/wp-json\/wp\/v2\/comments?post=201631"}],"version-history":[{"count":10,"href":"https:\/\/itayachtscanada.com\/fr\/wp-json\/wp\/v2\/listing\/201631\/revisions"}],"predecessor-version":[{"id":289324,"href":"https:\/\/itayachtscanada.com\/fr\/wp-json\/wp\/v2\/listing\/201631\/revisions\/289324"}],"wp:featuredmedia":[{"embeddable":true,"href":"https:\/\/itayachtscanada.com\/fr\/wp-json\/wp\/v2\/media\/201637"}],"wp:attachment":[{"href":"https:\/\/itayachtscanada.com\/fr\/wp-json\/wp\/v2\/media?parent=201631"}],"wp:term":[{"taxonomy":"manufacturer","embeddable":true,"href":"https:\/\/itayachtscanada.com\/fr\/wp-json\/wp\/v2\/manufacturer?post=201631"},{"taxonomy":"prix","embeddable":true,"href":"https:\/\/itayachtscanada.com\/fr\/wp-json\/wp\/v2\/prix?post=201631"},{"taxonomy":"years","embeddable":true,"href":"https:\/\/itayachtscanada.com\/fr\/wp-json\/wp\/v2\/years?post=201631"},{"taxonomy":"length_feet","embeddable":true,"href":"https:\/\/itayachtscanada.com\/fr\/wp-json\/wp\/v2\/length_feet?post=201631"},{"taxonomy":"boat_type","embeddable":true,"href":"https:\/\/itayachtscanada.com\/fr\/wp-json\/wp\/v2\/boat_type?post=201631"},{"taxonomy":"price_range","embeddable":true,"href":"https:\/\/itayachtscanada.com\/fr\/wp-json\/wp\/v2\/price_range?post=201631"},{"taxonomy":"localisations","embeddable":true,"href":"https:\/\/itayachtscanada.com\/fr\/wp-json\/wp\/v2\/localisations?post=201631"},{"taxonomy":"numyacht","embeddable":true,"href":"https:\/\/itayachtscanada.com\/fr\/wp-json\/wp\/v2\/numyacht?post=201631"},{"taxonomy":"datevente","embeddable":true,"href":"https:\/\/itayachtscanada.com\/fr\/wp-json\/wp\/v2\/datevente?post=201631"},{"taxonomy":"country","embeddable":true,"href":"https:\/\/itayachtscanada.com\/fr\/wp-json\/wp\/v2\/country?post=201631"},{"taxonomy":"states","embeddable":true,"href":"https:\/\/itayachtscanada.com\/fr\/wp-json\/wp\/v2\/states?post=201631"},{"taxonomy":"city","embeddable":true,"href":"https:\/\/itayachtscanada.com\/fr\/wp-json\/wp\/v2\/city?post=201631"},{"taxonomy":"fresh-water-boat","embeddable":true,"href":"https:\/\/itayachtscanada.com\/fr\/wp-json\/wp\/v2\/fresh-water-boat?post=201631"},{"taxonomy":"broker","embeddable":true,"href":"https:\/\/itayachtscanada.com\/fr\/wp-json\/wp\/v2\/broker?post=201631"},{"taxonomy":"migration","embeddable":true,"href":"https:\/\/itayachtscanada.com\/fr\/wp-json\/wp\/v2\/migration?post=201631"}],"curies":[{"name":"wp","href":"https:\/\/api.w.org\/{rel}","templated":true}]}}