{"id":186781,"date":"2024-11-17T10:54:59","date_gmt":"2024-11-17T15:54:59","guid":{"rendered":"https:\/\/itayachtscanada.com\/?post_type=listing&#038;p=186781"},"modified":"2026-04-18T10:30:35","modified_gmt":"2026-04-18T14:30:35","slug":"azimut-seadeck-6-2024-e2781050-euros-for-sale","status":"publish","type":"listing","link":"https:\/\/itayachtscanada.com\/fr\/listing\/azimut-seadeck-6-2024-e2781050-euros-for-sale\/","title":{"rendered":"Azimut Seadeck 6 2024 \u20ac2,800,000 euros \u00e0 vendre"},"content":{"rendered":"<p>EN PROCESSUS DE VENTE&#8230;<\/p>\n<p>&nbsp;<\/p>\n<p><strong>Azimut Seadeck 6 2024 \u20ac2,800,000 euros \u00e0 vendre<\/strong><\/p>\n<p><strong>LE SEADECK 6, un concept ouvert sur la nature !<\/strong><\/p>\n<p>Adoptant une relation plus consciente avec la nature, Seadeck 6 est le premier yacht de la s\u00e9rie de bateaux la plus efficace jamais con\u00e7ue, gr\u00e2ce \u00e0 des solutions technologiques visant \u00e0 r\u00e9duire les \u00e9missions jusqu&rsquo;\u00e0 40 % !<\/p>\n<p>Un cockpit r\u00e9invent\u00e9 compl\u00e8tement ouvert, un salon ext\u00e9rieur sans pr\u00e9c\u00e9dent au niveau de la mer pour un contact illimit\u00e9 avec l&rsquo;eau, renfor\u00e7ant la relation avec l&rsquo;oc\u00e9an pour offrir une exp\u00e9rience naturelle immersive et harmonieuse tout autour et un nouveau style de vie bas\u00e9 sur le bien-\u00eatre !<\/p>\n<p><strong>AZIMUT SEADECK 6, un concept ouvert sur la nature !<\/strong><\/p>\n<p>Seadeck est la premi\u00e8re s\u00e9rie de motoryachts hybrides pour les familles et la premi\u00e8re ligne con\u00e7ue avec une approche holistique, qui int\u00e8gre les solutions utilis\u00e9es sur les yachts \u00e0 faibles \u00e9missions d&rsquo;Azimut avec des moteurs hybrides et des syst\u00e8mes embarqu\u00e9s con\u00e7us pour r\u00e9duire l&rsquo;absorption d&rsquo;\u00e9nergie. Une combinaison qui permettra de r\u00e9duire de 40 % les \u00e9missions de CO2 au cours d&rsquo;une ann\u00e9e d&rsquo;utilisation moyenne, entre la navigation et les arr\u00eats au mouillage.<\/p>\n<p><strong>CET AZIMUT SEADECK 6 EST SITU\u00c9 AU PORTUGAL, APPELEZ-NOUS AU 514-521-1221 POUR TOUS LES D\u00c9TAILS SUR CET AZIMUT YACHTS SEADECK 6, NOTRE BUREAU EST SITU\u00c9 EN BANLIEUE DE MONTR\u00c9AL.<\/strong> <strong>NOUS SOMMES SP\u00c9CIALIS\u00c9S DANS TOUTES LES \u00c9TAPES D&rsquo;UNE PRISE EN CHARGE EN EUROPE ET POUR L&rsquo;EXPORTATION \u00c9VENTUELLE EN AM\u00c9RIQUE DU NORD.<\/strong><\/p>\n<p><a href=\"https:\/\/itayachtscanada.com\/fr\/virtuals_visits\/azimut-seadeck-6\/\">Cliquez ici<\/a> pour une visite virtuelle du nouveau Azimut Seadeck 6.<\/p>\n<p>Dimensions du yacht:<br \/>\nLongueur hors tout : 56 pi 7 po<br \/>\nLargeur : 16 pi 7 po<br \/>\nTirant d&rsquo;eau max : 4 pi 5 po<br \/>\nPoids<br \/>\nPoids \u00e0 sec : 27600 kg<br \/>\nVitesse de croisi\u00e8re<br \/>\nVitesse de croisi\u00e8re : 24 km\/h \u00e0 tr\/min<br \/>\nVitesse \u00e0 la coque : 33 km\/h en tours\/minute<br \/>\nR\u00e9servoirs<br \/>\nCarburant : (2400 l)<br \/>\nEau douce : (590 l)<br \/>\nH\u00e9bergement<br \/>\nCabines invit\u00e9s : 3<br \/>\nCabines d&rsquo;\u00e9quipage : 1<br \/>\nToilettes invit\u00e9s : 2<br \/>\nToilette d&rsquo;\u00e9quipage : 1<\/p>\n<p>Autre<br \/>\nConcepteur : Stefano Righini<\/p>\n<p>&nbsp;<\/p>\n<p>MOTEURS :<br \/>\n2024 Volvo VOLVO IPS 650 (moteur 1)<br \/>\nType de moteur : Inboard<br \/>\nType de carburant : Diesel<\/p>\n<p>Volvo VOLVO IPS 650 (Moteur 2)<br \/>\nType de moteur : Inboard<br \/>\nType de carburant : Diesel<\/p>\n<p>Volvo VOLVO IPS 650 (Moteur 3)<br \/>\nType de moteur : Inboard<br \/>\nType de carburant : Diesel<\/p>\n<p>&nbsp;<\/p>\n<div class=\"content-box\">\n<div class=\"column-container cols-3\">\n<div class=\"column\">\n<div class=\"column-item\">\n<div><\/div>\n<div>\n<div class=\"tiled-gallery type-rectangular tiled-gallery-unresized\" data-original-width=\"700\" data-carousel-extra='{&quot;blog_id&quot;:1,&quot;permalink&quot;:&quot;https:\\\/\\\/itayachtscanada.com\\\/fr\\\/listing\\\/azimut-seadeck-6-2024-e2781050-euros-for-sale\\\/&quot;,&quot;likes_blog_id&quot;:198557287}' itemscope itemtype=\"http:\/\/schema.org\/ImageGallery\" > <div class=\"gallery-row\" style=\"width: 700px; height: 229px;\" data-original-width=\"700\" data-original-height=\"229\" > <div class=\"gallery-group images-1\" style=\"width: 408px; height: 229px;\" data-original-width=\"408\" data-original-height=\"229\" > <div class=\"tiled-gallery-item tiled-gallery-item-large\" itemprop=\"associatedMedia\" itemscope itemtype=\"http:\/\/schema.org\/ImageObject\"> <a href=\"https:\/\/itayachtscanada.com\/fr\/listing\/azimut-seadeck-6-2024-e2781050-euros-for-sale\/capture-decran-le-2024-11-17-a-10-12-19\/\" border=\"0\" itemprop=\"url\"> <meta itemprop=\"width\" content=\"404\"> <meta itemprop=\"height\" content=\"225\"> <img decoding=\"async\" class=\"\" data-attachment-id=\"186795\" data-orig-file=\"https:\/\/itayachtscanada.com\/wp-content\/uploads\/2024\/11\/Capture-decran-le-2024-11-17-a-10.12.19.jpg\" data-orig-size=\"1886,1052\" data-comments-opened=\"1\" data-image-meta=\"{&quot;aperture&quot;:&quot;0&quot;,&quot;credit&quot;:&quot;&quot;,&quot;camera&quot;:&quot;&quot;,&quot;caption&quot;:&quot;&quot;,&quot;created_timestamp&quot;:&quot;0&quot;,&quot;copyright&quot;:&quot;&quot;,&quot;focal_length&quot;:&quot;0&quot;,&quot;iso&quot;:&quot;0&quot;,&quot;shutter_speed&quot;:&quot;0&quot;,&quot;title&quot;:&quot;&quot;,&quot;orientation&quot;:&quot;0&quot;}\" data-image-title=\"Capture d\u2019e\u0301cran, le 2024-11-17 a\u0300 10.12.19\" data-image-description=\"\" data-medium-file=\"https:\/\/i0.wp.com\/itayachtscanada.com\/wp-content\/uploads\/2024\/11\/Capture-decran-le-2024-11-17-a-10.12.19.jpg?fit=300%2C167&#038;ssl=1\" data-large-file=\"https:\/\/i0.wp.com\/itayachtscanada.com\/wp-content\/uploads\/2024\/11\/Capture-decran-le-2024-11-17-a-10.12.19.jpg?fit=700%2C390&#038;ssl=1\" src=\"https:\/\/i0.wp.com\/itayachtscanada.com\/wp-content\/uploads\/2024\/11\/Capture-decran-le-2024-11-17-a-10.12.19.jpg?w=404&#038;h=225&#038;ssl=1\" srcset=\"https:\/\/i0.wp.com\/itayachtscanada.com\/wp-content\/uploads\/2024\/11\/Capture-decran-le-2024-11-17-a-10.12.19.jpg?w=1886&amp;ssl=1 1886w, https:\/\/i0.wp.com\/itayachtscanada.com\/wp-content\/uploads\/2024\/11\/Capture-decran-le-2024-11-17-a-10.12.19.jpg?resize=300%2C167&amp;ssl=1 300w, https:\/\/i0.wp.com\/itayachtscanada.com\/wp-content\/uploads\/2024\/11\/Capture-decran-le-2024-11-17-a-10.12.19.jpg?resize=1024%2C571&amp;ssl=1 1024w, https:\/\/i0.wp.com\/itayachtscanada.com\/wp-content\/uploads\/2024\/11\/Capture-decran-le-2024-11-17-a-10.12.19.jpg?resize=768%2C428&amp;ssl=1 768w, https:\/\/i0.wp.com\/itayachtscanada.com\/wp-content\/uploads\/2024\/11\/Capture-decran-le-2024-11-17-a-10.12.19.jpg?resize=1536%2C857&amp;ssl=1 1536w, https:\/\/i0.wp.com\/itayachtscanada.com\/wp-content\/uploads\/2024\/11\/Capture-decran-le-2024-11-17-a-10.12.19.jpg?resize=700%2C390&amp;ssl=1 700w, https:\/\/i0.wp.com\/itayachtscanada.com\/wp-content\/uploads\/2024\/11\/Capture-decran-le-2024-11-17-a-10.12.19.jpg?resize=717%2C400&amp;ssl=1 717w, https:\/\/i0.wp.com\/itayachtscanada.com\/wp-content\/uploads\/2024\/11\/Capture-decran-le-2024-11-17-a-10.12.19.jpg?w=1400&amp;ssl=1 1400w\" width=\"404\" height=\"225\" loading=\"lazy\" data-original-width=\"404\" data-original-height=\"225\" itemprop=\"http:\/\/schema.org\/image\" title=\"Capture d\u2019e\u0301cran, le 2024-11-17 a\u0300 10.12.19\" alt=\"Azimut Seadeck 6\" style=\"width: 404px; height: 225px;\" \/> <\/a> <div class=\"tiled-gallery-caption\" itemprop=\"caption description\"> Azimut Seadeck 6 <\/div> <\/div> <\/div> <!-- close group --> <div class=\"gallery-group images-1\" style=\"width: 292px; height: 229px;\" data-original-width=\"292\" data-original-height=\"229\" > <div class=\"tiled-gallery-item tiled-gallery-item-large\" itemprop=\"associatedMedia\" itemscope itemtype=\"http:\/\/schema.org\/ImageObject\"> <a href=\"https:\/\/itayachtscanada.com\/fr\/listing\/azimut-seadeck-6-2024-e2781050-euros-for-sale\/capture-decran-le-2024-11-17-a-10-03-22\/\" border=\"0\" itemprop=\"url\"> <meta itemprop=\"width\" content=\"288\"> <meta itemprop=\"height\" content=\"225\"> <img decoding=\"async\" class=\"\" data-attachment-id=\"186811\" data-orig-file=\"https:\/\/itayachtscanada.com\/wp-content\/uploads\/2024\/11\/Capture-decran-le-2024-11-17-a-10.03.22.jpg\" data-orig-size=\"1348,1052\" data-comments-opened=\"1\" data-image-meta=\"{&quot;aperture&quot;:&quot;0&quot;,&quot;credit&quot;:&quot;&quot;,&quot;camera&quot;:&quot;&quot;,&quot;caption&quot;:&quot;&quot;,&quot;created_timestamp&quot;:&quot;0&quot;,&quot;copyright&quot;:&quot;&quot;,&quot;focal_length&quot;:&quot;0&quot;,&quot;iso&quot;:&quot;0&quot;,&quot;shutter_speed&quot;:&quot;0&quot;,&quot;title&quot;:&quot;&quot;,&quot;orientation&quot;:&quot;0&quot;}\" data-image-title=\"Capture d\u2019e\u0301cran, le 2024-11-17 a\u0300 10.03.22\" data-image-description=\"\" data-medium-file=\"https:\/\/i0.wp.com\/itayachtscanada.com\/wp-content\/uploads\/2024\/11\/Capture-decran-le-2024-11-17-a-10.03.22.jpg?fit=300%2C234&#038;ssl=1\" data-large-file=\"https:\/\/i0.wp.com\/itayachtscanada.com\/wp-content\/uploads\/2024\/11\/Capture-decran-le-2024-11-17-a-10.03.22.jpg?fit=700%2C546&#038;ssl=1\" src=\"https:\/\/i0.wp.com\/itayachtscanada.com\/wp-content\/uploads\/2024\/11\/Capture-decran-le-2024-11-17-a-10.03.22.jpg?w=288&#038;h=225&#038;ssl=1\" srcset=\"https:\/\/i0.wp.com\/itayachtscanada.com\/wp-content\/uploads\/2024\/11\/Capture-decran-le-2024-11-17-a-10.03.22.jpg?w=1348&amp;ssl=1 1348w, https:\/\/i0.wp.com\/itayachtscanada.com\/wp-content\/uploads\/2024\/11\/Capture-decran-le-2024-11-17-a-10.03.22.jpg?resize=300%2C234&amp;ssl=1 300w, https:\/\/i0.wp.com\/itayachtscanada.com\/wp-content\/uploads\/2024\/11\/Capture-decran-le-2024-11-17-a-10.03.22.jpg?resize=1024%2C799&amp;ssl=1 1024w, https:\/\/i0.wp.com\/itayachtscanada.com\/wp-content\/uploads\/2024\/11\/Capture-decran-le-2024-11-17-a-10.03.22.jpg?resize=768%2C599&amp;ssl=1 768w, https:\/\/i0.wp.com\/itayachtscanada.com\/wp-content\/uploads\/2024\/11\/Capture-decran-le-2024-11-17-a-10.03.22.jpg?resize=700%2C546&amp;ssl=1 700w, https:\/\/i0.wp.com\/itayachtscanada.com\/wp-content\/uploads\/2024\/11\/Capture-decran-le-2024-11-17-a-10.03.22.jpg?resize=513%2C400&amp;ssl=1 513w\" width=\"288\" height=\"225\" loading=\"lazy\" data-original-width=\"288\" data-original-height=\"225\" itemprop=\"http:\/\/schema.org\/image\" title=\"Capture d\u2019e\u0301cran, le 2024-11-17 a\u0300 10.03.22\" alt=\"Azimut Seadeck 6\" style=\"width: 288px; height: 225px;\" \/> <\/a> <div class=\"tiled-gallery-caption\" itemprop=\"caption description\"> Azimut Seadeck 6 <\/div> <\/div> <\/div> <!-- close group --> <\/div> <!-- close row --> <div class=\"gallery-row\" style=\"width: 700px; height: 311px;\" data-original-width=\"700\" data-original-height=\"311\" > <div class=\"gallery-group images-1\" style=\"width: 700px; height: 311px;\" data-original-width=\"700\" data-original-height=\"311\" > <div class=\"tiled-gallery-item tiled-gallery-item-large\" itemprop=\"associatedMedia\" itemscope itemtype=\"http:\/\/schema.org\/ImageObject\"> <a href=\"https:\/\/itayachtscanada.com\/fr\/listing\/azimut-seadeck-6-2024-e2781050-euros-for-sale\/azimut-seadeck-6-2\/\" border=\"0\" itemprop=\"url\"> <meta itemprop=\"width\" content=\"696\"> <meta itemprop=\"height\" content=\"307\"> <img decoding=\"async\" class=\"\" data-attachment-id=\"186823\" data-orig-file=\"https:\/\/itayachtscanada.com\/wp-content\/uploads\/2024\/11\/Azimut-Seadeck-6-1.jpg\" data-orig-size=\"2112,932\" data-comments-opened=\"1\" data-image-meta=\"{&quot;aperture&quot;:&quot;0&quot;,&quot;credit&quot;:&quot;&quot;,&quot;camera&quot;:&quot;&quot;,&quot;caption&quot;:&quot;&quot;,&quot;created_timestamp&quot;:&quot;0&quot;,&quot;copyright&quot;:&quot;&quot;,&quot;focal_length&quot;:&quot;0&quot;,&quot;iso&quot;:&quot;0&quot;,&quot;shutter_speed&quot;:&quot;0&quot;,&quot;title&quot;:&quot;&quot;,&quot;orientation&quot;:&quot;0&quot;}\" data-image-title=\"Azimut Seadeck 6\" data-image-description=\"\" data-medium-file=\"https:\/\/i0.wp.com\/itayachtscanada.com\/wp-content\/uploads\/2024\/11\/Azimut-Seadeck-6-1.jpg?fit=300%2C132&#038;ssl=1\" data-large-file=\"https:\/\/i0.wp.com\/itayachtscanada.com\/wp-content\/uploads\/2024\/11\/Azimut-Seadeck-6-1.jpg?fit=700%2C309&#038;ssl=1\" src=\"https:\/\/i0.wp.com\/itayachtscanada.com\/wp-content\/uploads\/2024\/11\/Azimut-Seadeck-6-1.jpg?w=696&#038;h=307&#038;ssl=1\" srcset=\"https:\/\/i0.wp.com\/itayachtscanada.com\/wp-content\/uploads\/2024\/11\/Azimut-Seadeck-6-1.jpg?w=2112&amp;ssl=1 2112w, https:\/\/i0.wp.com\/itayachtscanada.com\/wp-content\/uploads\/2024\/11\/Azimut-Seadeck-6-1.jpg?resize=300%2C132&amp;ssl=1 300w, https:\/\/i0.wp.com\/itayachtscanada.com\/wp-content\/uploads\/2024\/11\/Azimut-Seadeck-6-1.jpg?resize=1024%2C452&amp;ssl=1 1024w, https:\/\/i0.wp.com\/itayachtscanada.com\/wp-content\/uploads\/2024\/11\/Azimut-Seadeck-6-1.jpg?resize=768%2C339&amp;ssl=1 768w, https:\/\/i0.wp.com\/itayachtscanada.com\/wp-content\/uploads\/2024\/11\/Azimut-Seadeck-6-1.jpg?resize=1536%2C678&amp;ssl=1 1536w, https:\/\/i0.wp.com\/itayachtscanada.com\/wp-content\/uploads\/2024\/11\/Azimut-Seadeck-6-1.jpg?resize=2048%2C904&amp;ssl=1 2048w, https:\/\/i0.wp.com\/itayachtscanada.com\/wp-content\/uploads\/2024\/11\/Azimut-Seadeck-6-1.jpg?resize=700%2C309&amp;ssl=1 700w, https:\/\/i0.wp.com\/itayachtscanada.com\/wp-content\/uploads\/2024\/11\/Azimut-Seadeck-6-1.jpg?resize=2000%2C883&amp;ssl=1 2000w, https:\/\/i0.wp.com\/itayachtscanada.com\/wp-content\/uploads\/2024\/11\/Azimut-Seadeck-6-1.jpg?resize=906%2C400&amp;ssl=1 906w, https:\/\/i0.wp.com\/itayachtscanada.com\/wp-content\/uploads\/2024\/11\/Azimut-Seadeck-6-1.jpg?w=1400&amp;ssl=1 1400w\" width=\"696\" height=\"307\" loading=\"lazy\" data-original-width=\"696\" data-original-height=\"307\" itemprop=\"http:\/\/schema.org\/image\" title=\"Azimut Seadeck 6\" alt=\"Azimut Seadeck 6\" style=\"width: 696px; height: 307px;\" \/> <\/a> <div class=\"tiled-gallery-caption\" itemprop=\"caption description\"> Azimut Seadeck 6 <\/div> <\/div> <\/div> <!-- close group --> <\/div> <!-- close row --> <div class=\"gallery-row\" style=\"width: 700px; height: 584px;\" data-original-width=\"700\" data-original-height=\"584\" > <div class=\"gallery-group images-3\" style=\"width: 306px; height: 584px;\" data-original-width=\"306\" data-original-height=\"584\" > <div class=\"tiled-gallery-item tiled-gallery-item-large\" itemprop=\"associatedMedia\" itemscope itemtype=\"http:\/\/schema.org\/ImageObject\"> <a href=\"https:\/\/itayachtscanada.com\/fr\/listing\/azimut-seadeck-6-2024-e2781050-euros-for-sale\/capture-decran-le-2024-11-17-a-10-11-02\/\" border=\"0\" itemprop=\"url\"> <meta itemprop=\"width\" content=\"302\"> <meta itemprop=\"height\" content=\"177\"> <img decoding=\"async\" class=\"\" data-attachment-id=\"186796\" data-orig-file=\"https:\/\/itayachtscanada.com\/wp-content\/uploads\/2024\/11\/Capture-decran-le-2024-11-17-a-10.11.02.jpg\" data-orig-size=\"1798,1052\" data-comments-opened=\"1\" data-image-meta=\"{&quot;aperture&quot;:&quot;0&quot;,&quot;credit&quot;:&quot;&quot;,&quot;camera&quot;:&quot;&quot;,&quot;caption&quot;:&quot;&quot;,&quot;created_timestamp&quot;:&quot;0&quot;,&quot;copyright&quot;:&quot;&quot;,&quot;focal_length&quot;:&quot;0&quot;,&quot;iso&quot;:&quot;0&quot;,&quot;shutter_speed&quot;:&quot;0&quot;,&quot;title&quot;:&quot;&quot;,&quot;orientation&quot;:&quot;0&quot;}\" data-image-title=\"Capture d\u2019e\u0301cran, le 2024-11-17 a\u0300 10.11.02\" data-image-description=\"\" data-medium-file=\"https:\/\/i0.wp.com\/itayachtscanada.com\/wp-content\/uploads\/2024\/11\/Capture-decran-le-2024-11-17-a-10.11.02.jpg?fit=300%2C176&#038;ssl=1\" data-large-file=\"https:\/\/i0.wp.com\/itayachtscanada.com\/wp-content\/uploads\/2024\/11\/Capture-decran-le-2024-11-17-a-10.11.02.jpg?fit=700%2C409&#038;ssl=1\" src=\"https:\/\/i0.wp.com\/itayachtscanada.com\/wp-content\/uploads\/2024\/11\/Capture-decran-le-2024-11-17-a-10.11.02.jpg?w=302&#038;h=177&#038;ssl=1\" srcset=\"https:\/\/i0.wp.com\/itayachtscanada.com\/wp-content\/uploads\/2024\/11\/Capture-decran-le-2024-11-17-a-10.11.02.jpg?w=1798&amp;ssl=1 1798w, https:\/\/i0.wp.com\/itayachtscanada.com\/wp-content\/uploads\/2024\/11\/Capture-decran-le-2024-11-17-a-10.11.02.jpg?resize=300%2C176&amp;ssl=1 300w, https:\/\/i0.wp.com\/itayachtscanada.com\/wp-content\/uploads\/2024\/11\/Capture-decran-le-2024-11-17-a-10.11.02.jpg?resize=1024%2C599&amp;ssl=1 1024w, https:\/\/i0.wp.com\/itayachtscanada.com\/wp-content\/uploads\/2024\/11\/Capture-decran-le-2024-11-17-a-10.11.02.jpg?resize=768%2C449&amp;ssl=1 768w, https:\/\/i0.wp.com\/itayachtscanada.com\/wp-content\/uploads\/2024\/11\/Capture-decran-le-2024-11-17-a-10.11.02.jpg?resize=1536%2C899&amp;ssl=1 1536w, https:\/\/i0.wp.com\/itayachtscanada.com\/wp-content\/uploads\/2024\/11\/Capture-decran-le-2024-11-17-a-10.11.02.jpg?resize=700%2C410&amp;ssl=1 700w, https:\/\/i0.wp.com\/itayachtscanada.com\/wp-content\/uploads\/2024\/11\/Capture-decran-le-2024-11-17-a-10.11.02.jpg?resize=684%2C400&amp;ssl=1 684w, https:\/\/i0.wp.com\/itayachtscanada.com\/wp-content\/uploads\/2024\/11\/Capture-decran-le-2024-11-17-a-10.11.02.jpg?w=1400&amp;ssl=1 1400w\" width=\"302\" height=\"177\" loading=\"lazy\" data-original-width=\"302\" data-original-height=\"177\" itemprop=\"http:\/\/schema.org\/image\" title=\"Capture d\u2019e\u0301cran, le 2024-11-17 a\u0300 10.11.02\" alt=\"Azimut Seadeck 6\" style=\"width: 302px; height: 177px;\" \/> <\/a> <div class=\"tiled-gallery-caption\" itemprop=\"caption description\"> Azimut Seadeck 6 <\/div> <\/div> <div class=\"tiled-gallery-item tiled-gallery-item-large\" itemprop=\"associatedMedia\" itemscope itemtype=\"http:\/\/schema.org\/ImageObject\"> <a href=\"https:\/\/itayachtscanada.com\/fr\/listing\/azimut-seadeck-6-2024-e2781050-euros-for-sale\/capture-decran-le-2024-11-17-a-10-04-08\/\" border=\"0\" itemprop=\"url\"> <meta itemprop=\"width\" content=\"302\"> <meta itemprop=\"height\" content=\"201\"> <img decoding=\"async\" class=\"\" data-attachment-id=\"186809\" data-orig-file=\"https:\/\/itayachtscanada.com\/wp-content\/uploads\/2024\/11\/Capture-decran-le-2024-11-17-a-10.04.08.jpg\" data-orig-size=\"1820,1210\" data-comments-opened=\"1\" data-image-meta=\"{&quot;aperture&quot;:&quot;0&quot;,&quot;credit&quot;:&quot;&quot;,&quot;camera&quot;:&quot;&quot;,&quot;caption&quot;:&quot;&quot;,&quot;created_timestamp&quot;:&quot;0&quot;,&quot;copyright&quot;:&quot;&quot;,&quot;focal_length&quot;:&quot;0&quot;,&quot;iso&quot;:&quot;0&quot;,&quot;shutter_speed&quot;:&quot;0&quot;,&quot;title&quot;:&quot;&quot;,&quot;orientation&quot;:&quot;0&quot;}\" data-image-title=\"Capture d\u2019e\u0301cran, le 2024-11-17 a\u0300 10.04.08\" data-image-description=\"\" data-medium-file=\"https:\/\/i0.wp.com\/itayachtscanada.com\/wp-content\/uploads\/2024\/11\/Capture-decran-le-2024-11-17-a-10.04.08.jpg?fit=300%2C199&#038;ssl=1\" data-large-file=\"https:\/\/i0.wp.com\/itayachtscanada.com\/wp-content\/uploads\/2024\/11\/Capture-decran-le-2024-11-17-a-10.04.08.jpg?fit=700%2C466&#038;ssl=1\" src=\"https:\/\/i0.wp.com\/itayachtscanada.com\/wp-content\/uploads\/2024\/11\/Capture-decran-le-2024-11-17-a-10.04.08.jpg?w=302&#038;h=201&#038;ssl=1\" srcset=\"https:\/\/i0.wp.com\/itayachtscanada.com\/wp-content\/uploads\/2024\/11\/Capture-decran-le-2024-11-17-a-10.04.08.jpg?w=1820&amp;ssl=1 1820w, https:\/\/i0.wp.com\/itayachtscanada.com\/wp-content\/uploads\/2024\/11\/Capture-decran-le-2024-11-17-a-10.04.08.jpg?resize=300%2C199&amp;ssl=1 300w, https:\/\/i0.wp.com\/itayachtscanada.com\/wp-content\/uploads\/2024\/11\/Capture-decran-le-2024-11-17-a-10.04.08.jpg?resize=1024%2C681&amp;ssl=1 1024w, https:\/\/i0.wp.com\/itayachtscanada.com\/wp-content\/uploads\/2024\/11\/Capture-decran-le-2024-11-17-a-10.04.08.jpg?resize=768%2C511&amp;ssl=1 768w, https:\/\/i0.wp.com\/itayachtscanada.com\/wp-content\/uploads\/2024\/11\/Capture-decran-le-2024-11-17-a-10.04.08.jpg?resize=1536%2C1021&amp;ssl=1 1536w, https:\/\/i0.wp.com\/itayachtscanada.com\/wp-content\/uploads\/2024\/11\/Capture-decran-le-2024-11-17-a-10.04.08.jpg?resize=700%2C465&amp;ssl=1 700w, https:\/\/i0.wp.com\/itayachtscanada.com\/wp-content\/uploads\/2024\/11\/Capture-decran-le-2024-11-17-a-10.04.08.jpg?resize=900%2C600&amp;ssl=1 900w, https:\/\/i0.wp.com\/itayachtscanada.com\/wp-content\/uploads\/2024\/11\/Capture-decran-le-2024-11-17-a-10.04.08.jpg?resize=602%2C400&amp;ssl=1 602w, https:\/\/i0.wp.com\/itayachtscanada.com\/wp-content\/uploads\/2024\/11\/Capture-decran-le-2024-11-17-a-10.04.08.jpg?w=1400&amp;ssl=1 1400w\" width=\"302\" height=\"201\" loading=\"lazy\" data-original-width=\"302\" data-original-height=\"201\" itemprop=\"http:\/\/schema.org\/image\" title=\"Capture d\u2019e\u0301cran, le 2024-11-17 a\u0300 10.04.08\" alt=\"Azimut Seadeck 6\" style=\"width: 302px; height: 201px;\" \/> <\/a> <div class=\"tiled-gallery-caption\" itemprop=\"caption description\"> Azimut Seadeck 6 <\/div> <\/div> <div class=\"tiled-gallery-item tiled-gallery-item-large\" itemprop=\"associatedMedia\" itemscope itemtype=\"http:\/\/schema.org\/ImageObject\"> <a href=\"https:\/\/itayachtscanada.com\/fr\/listing\/azimut-seadeck-6-2024-e2781050-euros-for-sale\/capture-decran-le-2024-11-17-a-10-10-49\/\" border=\"0\" itemprop=\"url\"> <meta itemprop=\"width\" content=\"302\"> <meta itemprop=\"height\" content=\"194\"> <img decoding=\"async\" class=\"\" data-attachment-id=\"186798\" data-orig-file=\"https:\/\/itayachtscanada.com\/wp-content\/uploads\/2024\/11\/Capture-decran-le-2024-11-17-a-10.10.49.jpg\" data-orig-size=\"1798,1158\" data-comments-opened=\"1\" data-image-meta=\"{&quot;aperture&quot;:&quot;0&quot;,&quot;credit&quot;:&quot;&quot;,&quot;camera&quot;:&quot;&quot;,&quot;caption&quot;:&quot;&quot;,&quot;created_timestamp&quot;:&quot;0&quot;,&quot;copyright&quot;:&quot;&quot;,&quot;focal_length&quot;:&quot;0&quot;,&quot;iso&quot;:&quot;0&quot;,&quot;shutter_speed&quot;:&quot;0&quot;,&quot;title&quot;:&quot;&quot;,&quot;orientation&quot;:&quot;0&quot;}\" data-image-title=\"Capture d\u2019e\u0301cran, le 2024-11-17 a\u0300 10.10.49\" data-image-description=\"\" data-medium-file=\"https:\/\/i0.wp.com\/itayachtscanada.com\/wp-content\/uploads\/2024\/11\/Capture-decran-le-2024-11-17-a-10.10.49.jpg?fit=300%2C193&#038;ssl=1\" data-large-file=\"https:\/\/i0.wp.com\/itayachtscanada.com\/wp-content\/uploads\/2024\/11\/Capture-decran-le-2024-11-17-a-10.10.49.jpg?fit=700%2C451&#038;ssl=1\" src=\"https:\/\/i0.wp.com\/itayachtscanada.com\/wp-content\/uploads\/2024\/11\/Capture-decran-le-2024-11-17-a-10.10.49.jpg?w=302&#038;h=194&#038;ssl=1\" srcset=\"https:\/\/i0.wp.com\/itayachtscanada.com\/wp-content\/uploads\/2024\/11\/Capture-decran-le-2024-11-17-a-10.10.49.jpg?w=1798&amp;ssl=1 1798w, https:\/\/i0.wp.com\/itayachtscanada.com\/wp-content\/uploads\/2024\/11\/Capture-decran-le-2024-11-17-a-10.10.49.jpg?resize=300%2C193&amp;ssl=1 300w, https:\/\/i0.wp.com\/itayachtscanada.com\/wp-content\/uploads\/2024\/11\/Capture-decran-le-2024-11-17-a-10.10.49.jpg?resize=1024%2C660&amp;ssl=1 1024w, https:\/\/i0.wp.com\/itayachtscanada.com\/wp-content\/uploads\/2024\/11\/Capture-decran-le-2024-11-17-a-10.10.49.jpg?resize=768%2C495&amp;ssl=1 768w, https:\/\/i0.wp.com\/itayachtscanada.com\/wp-content\/uploads\/2024\/11\/Capture-decran-le-2024-11-17-a-10.10.49.jpg?resize=1536%2C989&amp;ssl=1 1536w, https:\/\/i0.wp.com\/itayachtscanada.com\/wp-content\/uploads\/2024\/11\/Capture-decran-le-2024-11-17-a-10.10.49.jpg?resize=700%2C451&amp;ssl=1 700w, https:\/\/i0.wp.com\/itayachtscanada.com\/wp-content\/uploads\/2024\/11\/Capture-decran-le-2024-11-17-a-10.10.49.jpg?resize=621%2C400&amp;ssl=1 621w, https:\/\/i0.wp.com\/itayachtscanada.com\/wp-content\/uploads\/2024\/11\/Capture-decran-le-2024-11-17-a-10.10.49.jpg?w=1400&amp;ssl=1 1400w\" width=\"302\" height=\"194\" loading=\"lazy\" data-original-width=\"302\" data-original-height=\"194\" itemprop=\"http:\/\/schema.org\/image\" title=\"Capture d\u2019e\u0301cran, le 2024-11-17 a\u0300 10.10.49\" alt=\"Capture d\u2019e\u0301cran, le 2024-11-17 a\u0300 10.10.49\" style=\"width: 302px; height: 194px;\" \/> <\/a> <\/div> <\/div> <!-- close group --> <div class=\"gallery-group images-1\" style=\"width: 394px; height: 584px;\" data-original-width=\"394\" data-original-height=\"584\" > <div class=\"tiled-gallery-item tiled-gallery-item-large\" itemprop=\"associatedMedia\" itemscope itemtype=\"http:\/\/schema.org\/ImageObject\"> <a href=\"https:\/\/itayachtscanada.com\/fr\/listing\/azimut-seadeck-6-2024-e2781050-euros-for-sale\/capture-decran-le-2024-11-17-a-10-13-18\/\" border=\"0\" itemprop=\"url\"> <meta itemprop=\"width\" content=\"390\"> <meta itemprop=\"height\" content=\"580\"> <img decoding=\"async\" class=\"\" data-attachment-id=\"186794\" data-orig-file=\"https:\/\/itayachtscanada.com\/wp-content\/uploads\/2024\/11\/Capture-decran-le-2024-11-17-a-10.13.18.jpg\" data-orig-size=\"906,1348\" data-comments-opened=\"1\" data-image-meta=\"{&quot;aperture&quot;:&quot;0&quot;,&quot;credit&quot;:&quot;&quot;,&quot;camera&quot;:&quot;&quot;,&quot;caption&quot;:&quot;&quot;,&quot;created_timestamp&quot;:&quot;0&quot;,&quot;copyright&quot;:&quot;&quot;,&quot;focal_length&quot;:&quot;0&quot;,&quot;iso&quot;:&quot;0&quot;,&quot;shutter_speed&quot;:&quot;0&quot;,&quot;title&quot;:&quot;&quot;,&quot;orientation&quot;:&quot;0&quot;}\" data-image-title=\"Capture d\u2019e\u0301cran, le 2024-11-17 a\u0300 10.13.18\" data-image-description=\"\" data-medium-file=\"https:\/\/i0.wp.com\/itayachtscanada.com\/wp-content\/uploads\/2024\/11\/Capture-decran-le-2024-11-17-a-10.13.18.jpg?fit=202%2C300&#038;ssl=1\" data-large-file=\"https:\/\/i0.wp.com\/itayachtscanada.com\/wp-content\/uploads\/2024\/11\/Capture-decran-le-2024-11-17-a-10.13.18.jpg?fit=688%2C1024&#038;ssl=1\" src=\"https:\/\/i0.wp.com\/itayachtscanada.com\/wp-content\/uploads\/2024\/11\/Capture-decran-le-2024-11-17-a-10.13.18.jpg?w=390&#038;h=580&#038;ssl=1\" srcset=\"https:\/\/i0.wp.com\/itayachtscanada.com\/wp-content\/uploads\/2024\/11\/Capture-decran-le-2024-11-17-a-10.13.18.jpg?w=906&amp;ssl=1 906w, https:\/\/i0.wp.com\/itayachtscanada.com\/wp-content\/uploads\/2024\/11\/Capture-decran-le-2024-11-17-a-10.13.18.jpg?resize=202%2C300&amp;ssl=1 202w, https:\/\/i0.wp.com\/itayachtscanada.com\/wp-content\/uploads\/2024\/11\/Capture-decran-le-2024-11-17-a-10.13.18.jpg?resize=688%2C1024&amp;ssl=1 688w, https:\/\/i0.wp.com\/itayachtscanada.com\/wp-content\/uploads\/2024\/11\/Capture-decran-le-2024-11-17-a-10.13.18.jpg?resize=768%2C1143&amp;ssl=1 768w, https:\/\/i0.wp.com\/itayachtscanada.com\/wp-content\/uploads\/2024\/11\/Capture-decran-le-2024-11-17-a-10.13.18.jpg?resize=700%2C1042&amp;ssl=1 700w, https:\/\/i0.wp.com\/itayachtscanada.com\/wp-content\/uploads\/2024\/11\/Capture-decran-le-2024-11-17-a-10.13.18.jpg?resize=269%2C400&amp;ssl=1 269w\" width=\"390\" height=\"580\" loading=\"lazy\" data-original-width=\"390\" data-original-height=\"580\" itemprop=\"http:\/\/schema.org\/image\" title=\"Capture d\u2019e\u0301cran, le 2024-11-17 a\u0300 10.13.18\" alt=\"Capture d\u2019e\u0301cran, le 2024-11-17 a\u0300 10.13.18\" style=\"width: 390px; height: 580px;\" \/> <\/a> <\/div> <\/div> <!-- close group --> <\/div> <!-- close row --> <div class=\"gallery-row\" style=\"width: 700px; height: 514px;\" data-original-width=\"700\" data-original-height=\"514\" > <div class=\"gallery-group images-2\" style=\"width: 363px; height: 514px;\" data-original-width=\"363\" data-original-height=\"514\" > <div class=\"tiled-gallery-item tiled-gallery-item-large\" itemprop=\"associatedMedia\" itemscope itemtype=\"http:\/\/schema.org\/ImageObject\"> <a href=\"https:\/\/itayachtscanada.com\/fr\/listing\/azimut-seadeck-6-2024-e2781050-euros-for-sale\/capture-decran-le-2024-11-17-a-10-02-38\/\" border=\"0\" itemprop=\"url\"> <meta itemprop=\"width\" content=\"359\"> <meta itemprop=\"height\" content=\"267\"> <img decoding=\"async\" class=\"\" data-attachment-id=\"186817\" data-orig-file=\"https:\/\/itayachtscanada.com\/wp-content\/uploads\/2024\/11\/Capture-decran-le-2024-11-17-a-10.02.38.jpg\" data-orig-size=\"1410,1050\" data-comments-opened=\"1\" data-image-meta=\"{&quot;aperture&quot;:&quot;0&quot;,&quot;credit&quot;:&quot;&quot;,&quot;camera&quot;:&quot;&quot;,&quot;caption&quot;:&quot;&quot;,&quot;created_timestamp&quot;:&quot;0&quot;,&quot;copyright&quot;:&quot;&quot;,&quot;focal_length&quot;:&quot;0&quot;,&quot;iso&quot;:&quot;0&quot;,&quot;shutter_speed&quot;:&quot;0&quot;,&quot;title&quot;:&quot;&quot;,&quot;orientation&quot;:&quot;0&quot;}\" data-image-title=\"Capture d\u2019e\u0301cran, le 2024-11-17 a\u0300 10.02.38\" data-image-description=\"\" data-medium-file=\"https:\/\/i0.wp.com\/itayachtscanada.com\/wp-content\/uploads\/2024\/11\/Capture-decran-le-2024-11-17-a-10.02.38.jpg?fit=300%2C223&#038;ssl=1\" data-large-file=\"https:\/\/i0.wp.com\/itayachtscanada.com\/wp-content\/uploads\/2024\/11\/Capture-decran-le-2024-11-17-a-10.02.38.jpg?fit=700%2C522&#038;ssl=1\" src=\"https:\/\/i0.wp.com\/itayachtscanada.com\/wp-content\/uploads\/2024\/11\/Capture-decran-le-2024-11-17-a-10.02.38.jpg?w=359&#038;h=267&#038;ssl=1\" srcset=\"https:\/\/i0.wp.com\/itayachtscanada.com\/wp-content\/uploads\/2024\/11\/Capture-decran-le-2024-11-17-a-10.02.38.jpg?w=1410&amp;ssl=1 1410w, https:\/\/i0.wp.com\/itayachtscanada.com\/wp-content\/uploads\/2024\/11\/Capture-decran-le-2024-11-17-a-10.02.38.jpg?resize=300%2C223&amp;ssl=1 300w, https:\/\/i0.wp.com\/itayachtscanada.com\/wp-content\/uploads\/2024\/11\/Capture-decran-le-2024-11-17-a-10.02.38.jpg?resize=1024%2C763&amp;ssl=1 1024w, https:\/\/i0.wp.com\/itayachtscanada.com\/wp-content\/uploads\/2024\/11\/Capture-decran-le-2024-11-17-a-10.02.38.jpg?resize=768%2C572&amp;ssl=1 768w, https:\/\/i0.wp.com\/itayachtscanada.com\/wp-content\/uploads\/2024\/11\/Capture-decran-le-2024-11-17-a-10.02.38.jpg?resize=700%2C521&amp;ssl=1 700w, https:\/\/i0.wp.com\/itayachtscanada.com\/wp-content\/uploads\/2024\/11\/Capture-decran-le-2024-11-17-a-10.02.38.jpg?resize=537%2C400&amp;ssl=1 537w\" width=\"359\" height=\"267\" loading=\"lazy\" data-original-width=\"359\" data-original-height=\"267\" itemprop=\"http:\/\/schema.org\/image\" title=\"Capture d\u2019e\u0301cran, le 2024-11-17 a\u0300 10.02.38\" alt=\"Capture d\u2019e\u0301cran, le 2024-11-17 a\u0300 10.02.38\" style=\"width: 359px; height: 267px;\" \/> <\/a> <\/div> <div class=\"tiled-gallery-item tiled-gallery-item-large\" itemprop=\"associatedMedia\" itemscope itemtype=\"http:\/\/schema.org\/ImageObject\"> <a href=\"https:\/\/itayachtscanada.com\/fr\/listing\/azimut-seadeck-6-2024-e2781050-euros-for-sale\/capture-decran-le-2024-11-17-a-10-04-34\/\" border=\"0\" itemprop=\"url\"> <meta itemprop=\"width\" content=\"359\"> <meta itemprop=\"height\" content=\"239\"> <img decoding=\"async\" class=\"\" data-attachment-id=\"186807\" data-orig-file=\"https:\/\/itayachtscanada.com\/wp-content\/uploads\/2024\/11\/Capture-decran-le-2024-11-17-a-10.04.34.jpg\" data-orig-size=\"1820,1210\" data-comments-opened=\"1\" data-image-meta=\"{&quot;aperture&quot;:&quot;0&quot;,&quot;credit&quot;:&quot;&quot;,&quot;camera&quot;:&quot;&quot;,&quot;caption&quot;:&quot;&quot;,&quot;created_timestamp&quot;:&quot;0&quot;,&quot;copyright&quot;:&quot;&quot;,&quot;focal_length&quot;:&quot;0&quot;,&quot;iso&quot;:&quot;0&quot;,&quot;shutter_speed&quot;:&quot;0&quot;,&quot;title&quot;:&quot;&quot;,&quot;orientation&quot;:&quot;0&quot;}\" data-image-title=\"Capture d\u2019e\u0301cran, le 2024-11-17 a\u0300 10.04.34\" data-image-description=\"\" data-medium-file=\"https:\/\/i0.wp.com\/itayachtscanada.com\/wp-content\/uploads\/2024\/11\/Capture-decran-le-2024-11-17-a-10.04.34.jpg?fit=300%2C199&#038;ssl=1\" data-large-file=\"https:\/\/i0.wp.com\/itayachtscanada.com\/wp-content\/uploads\/2024\/11\/Capture-decran-le-2024-11-17-a-10.04.34.jpg?fit=700%2C466&#038;ssl=1\" src=\"https:\/\/i0.wp.com\/itayachtscanada.com\/wp-content\/uploads\/2024\/11\/Capture-decran-le-2024-11-17-a-10.04.34.jpg?w=359&#038;h=239&#038;ssl=1\" srcset=\"https:\/\/i0.wp.com\/itayachtscanada.com\/wp-content\/uploads\/2024\/11\/Capture-decran-le-2024-11-17-a-10.04.34.jpg?w=1820&amp;ssl=1 1820w, https:\/\/i0.wp.com\/itayachtscanada.com\/wp-content\/uploads\/2024\/11\/Capture-decran-le-2024-11-17-a-10.04.34.jpg?resize=300%2C199&amp;ssl=1 300w, https:\/\/i0.wp.com\/itayachtscanada.com\/wp-content\/uploads\/2024\/11\/Capture-decran-le-2024-11-17-a-10.04.34.jpg?resize=1024%2C681&amp;ssl=1 1024w, https:\/\/i0.wp.com\/itayachtscanada.com\/wp-content\/uploads\/2024\/11\/Capture-decran-le-2024-11-17-a-10.04.34.jpg?resize=768%2C511&amp;ssl=1 768w, https:\/\/i0.wp.com\/itayachtscanada.com\/wp-content\/uploads\/2024\/11\/Capture-decran-le-2024-11-17-a-10.04.34.jpg?resize=1536%2C1021&amp;ssl=1 1536w, https:\/\/i0.wp.com\/itayachtscanada.com\/wp-content\/uploads\/2024\/11\/Capture-decran-le-2024-11-17-a-10.04.34.jpg?resize=700%2C465&amp;ssl=1 700w, https:\/\/i0.wp.com\/itayachtscanada.com\/wp-content\/uploads\/2024\/11\/Capture-decran-le-2024-11-17-a-10.04.34.jpg?resize=900%2C600&amp;ssl=1 900w, https:\/\/i0.wp.com\/itayachtscanada.com\/wp-content\/uploads\/2024\/11\/Capture-decran-le-2024-11-17-a-10.04.34.jpg?resize=602%2C400&amp;ssl=1 602w, https:\/\/i0.wp.com\/itayachtscanada.com\/wp-content\/uploads\/2024\/11\/Capture-decran-le-2024-11-17-a-10.04.34.jpg?w=1400&amp;ssl=1 1400w\" width=\"359\" height=\"239\" loading=\"lazy\" data-original-width=\"359\" data-original-height=\"239\" itemprop=\"http:\/\/schema.org\/image\" title=\"Capture d\u2019e\u0301cran, le 2024-11-17 a\u0300 10.04.34\" alt=\"Capture d\u2019e\u0301cran, le 2024-11-17 a\u0300 10.04.34\" style=\"width: 359px; height: 239px;\" \/> <\/a> <\/div> <\/div> <!-- close group --> <div class=\"gallery-group images-1\" style=\"width: 337px; height: 514px;\" data-original-width=\"337\" data-original-height=\"514\" > <div class=\"tiled-gallery-item tiled-gallery-item-large\" itemprop=\"associatedMedia\" itemscope itemtype=\"http:\/\/schema.org\/ImageObject\"> <a href=\"https:\/\/itayachtscanada.com\/fr\/listing\/azimut-seadeck-6-2024-e2781050-euros-for-sale\/capture-decran-le-2024-11-17-a-10-03-12\/\" border=\"0\" itemprop=\"url\"> <meta itemprop=\"width\" content=\"333\"> <meta itemprop=\"height\" content=\"510\"> <img decoding=\"async\" class=\"\" data-attachment-id=\"186812\" data-orig-file=\"https:\/\/itayachtscanada.com\/wp-content\/uploads\/2024\/11\/Capture-decran-le-2024-11-17-a-10.03.12.jpg\" data-orig-size=\"704,1080\" data-comments-opened=\"1\" data-image-meta=\"{&quot;aperture&quot;:&quot;0&quot;,&quot;credit&quot;:&quot;&quot;,&quot;camera&quot;:&quot;&quot;,&quot;caption&quot;:&quot;&quot;,&quot;created_timestamp&quot;:&quot;0&quot;,&quot;copyright&quot;:&quot;&quot;,&quot;focal_length&quot;:&quot;0&quot;,&quot;iso&quot;:&quot;0&quot;,&quot;shutter_speed&quot;:&quot;0&quot;,&quot;title&quot;:&quot;&quot;,&quot;orientation&quot;:&quot;0&quot;}\" data-image-title=\"Capture d\u2019e\u0301cran, le 2024-11-17 a\u0300 10.03.12\" data-image-description=\"\" data-medium-file=\"https:\/\/i0.wp.com\/itayachtscanada.com\/wp-content\/uploads\/2024\/11\/Capture-decran-le-2024-11-17-a-10.03.12.jpg?fit=196%2C300&#038;ssl=1\" data-large-file=\"https:\/\/i0.wp.com\/itayachtscanada.com\/wp-content\/uploads\/2024\/11\/Capture-decran-le-2024-11-17-a-10.03.12.jpg?fit=667%2C1024&#038;ssl=1\" src=\"https:\/\/i0.wp.com\/itayachtscanada.com\/wp-content\/uploads\/2024\/11\/Capture-decran-le-2024-11-17-a-10.03.12.jpg?w=333&#038;h=510&#038;ssl=1\" srcset=\"https:\/\/i0.wp.com\/itayachtscanada.com\/wp-content\/uploads\/2024\/11\/Capture-decran-le-2024-11-17-a-10.03.12.jpg?w=704&amp;ssl=1 704w, https:\/\/i0.wp.com\/itayachtscanada.com\/wp-content\/uploads\/2024\/11\/Capture-decran-le-2024-11-17-a-10.03.12.jpg?resize=196%2C300&amp;ssl=1 196w, https:\/\/i0.wp.com\/itayachtscanada.com\/wp-content\/uploads\/2024\/11\/Capture-decran-le-2024-11-17-a-10.03.12.jpg?resize=667%2C1024&amp;ssl=1 667w, https:\/\/i0.wp.com\/itayachtscanada.com\/wp-content\/uploads\/2024\/11\/Capture-decran-le-2024-11-17-a-10.03.12.jpg?resize=700%2C1074&amp;ssl=1 700w, https:\/\/i0.wp.com\/itayachtscanada.com\/wp-content\/uploads\/2024\/11\/Capture-decran-le-2024-11-17-a-10.03.12.jpg?resize=261%2C400&amp;ssl=1 261w\" width=\"333\" height=\"510\" loading=\"lazy\" data-original-width=\"333\" data-original-height=\"510\" itemprop=\"http:\/\/schema.org\/image\" title=\"Capture d\u2019e\u0301cran, le 2024-11-17 a\u0300 10.03.12\" alt=\"Capture d\u2019e\u0301cran, le 2024-11-17 a\u0300 10.03.12\" style=\"width: 333px; height: 510px;\" \/> <\/a> <\/div> <\/div> <!-- close group --> <\/div> <!-- close row --> <div class=\"gallery-row\" style=\"width: 700px; height: 356px;\" data-original-width=\"700\" data-original-height=\"356\" > <div class=\"gallery-group images-1\" style=\"width: 461px; height: 356px;\" data-original-width=\"461\" data-original-height=\"356\" > <div class=\"tiled-gallery-item tiled-gallery-item-large\" itemprop=\"associatedMedia\" itemscope itemtype=\"http:\/\/schema.org\/ImageObject\"> <a href=\"https:\/\/itayachtscanada.com\/fr\/listing\/azimut-seadeck-6-2024-e2781050-euros-for-sale\/capture-decran-le-2024-11-17-a-10-03-01\/\" border=\"0\" itemprop=\"url\"> <meta itemprop=\"width\" content=\"457\"> <meta itemprop=\"height\" content=\"352\"> <img decoding=\"async\" class=\"\" data-attachment-id=\"186813\" data-orig-file=\"https:\/\/itayachtscanada.com\/wp-content\/uploads\/2024\/11\/Capture-decran-le-2024-11-17-a-10.03.01.jpg\" data-orig-size=\"1404,1080\" data-comments-opened=\"1\" data-image-meta=\"{&quot;aperture&quot;:&quot;0&quot;,&quot;credit&quot;:&quot;&quot;,&quot;camera&quot;:&quot;&quot;,&quot;caption&quot;:&quot;&quot;,&quot;created_timestamp&quot;:&quot;0&quot;,&quot;copyright&quot;:&quot;&quot;,&quot;focal_length&quot;:&quot;0&quot;,&quot;iso&quot;:&quot;0&quot;,&quot;shutter_speed&quot;:&quot;0&quot;,&quot;title&quot;:&quot;&quot;,&quot;orientation&quot;:&quot;0&quot;}\" data-image-title=\"Capture d\u2019e\u0301cran, le 2024-11-17 a\u0300 10.03.01\" data-image-description=\"\" data-medium-file=\"https:\/\/i0.wp.com\/itayachtscanada.com\/wp-content\/uploads\/2024\/11\/Capture-decran-le-2024-11-17-a-10.03.01.jpg?fit=300%2C231&#038;ssl=1\" data-large-file=\"https:\/\/i0.wp.com\/itayachtscanada.com\/wp-content\/uploads\/2024\/11\/Capture-decran-le-2024-11-17-a-10.03.01.jpg?fit=700%2C539&#038;ssl=1\" src=\"https:\/\/i0.wp.com\/itayachtscanada.com\/wp-content\/uploads\/2024\/11\/Capture-decran-le-2024-11-17-a-10.03.01.jpg?w=457&#038;h=352&#038;ssl=1\" srcset=\"https:\/\/i0.wp.com\/itayachtscanada.com\/wp-content\/uploads\/2024\/11\/Capture-decran-le-2024-11-17-a-10.03.01.jpg?w=1404&amp;ssl=1 1404w, https:\/\/i0.wp.com\/itayachtscanada.com\/wp-content\/uploads\/2024\/11\/Capture-decran-le-2024-11-17-a-10.03.01.jpg?resize=300%2C231&amp;ssl=1 300w, https:\/\/i0.wp.com\/itayachtscanada.com\/wp-content\/uploads\/2024\/11\/Capture-decran-le-2024-11-17-a-10.03.01.jpg?resize=1024%2C788&amp;ssl=1 1024w, https:\/\/i0.wp.com\/itayachtscanada.com\/wp-content\/uploads\/2024\/11\/Capture-decran-le-2024-11-17-a-10.03.01.jpg?resize=768%2C591&amp;ssl=1 768w, https:\/\/i0.wp.com\/itayachtscanada.com\/wp-content\/uploads\/2024\/11\/Capture-decran-le-2024-11-17-a-10.03.01.jpg?resize=700%2C538&amp;ssl=1 700w, https:\/\/i0.wp.com\/itayachtscanada.com\/wp-content\/uploads\/2024\/11\/Capture-decran-le-2024-11-17-a-10.03.01.jpg?resize=520%2C400&amp;ssl=1 520w\" width=\"457\" height=\"352\" loading=\"lazy\" data-original-width=\"457\" data-original-height=\"352\" itemprop=\"http:\/\/schema.org\/image\" title=\"Capture d\u2019e\u0301cran, le 2024-11-17 a\u0300 10.03.01\" alt=\"Capture d\u2019e\u0301cran, le 2024-11-17 a\u0300 10.03.01\" style=\"width: 457px; height: 352px;\" \/> <\/a> <\/div> <\/div> <!-- close group --> <div class=\"gallery-group images-1\" style=\"width: 239px; height: 356px;\" data-original-width=\"239\" data-original-height=\"356\" > <div class=\"tiled-gallery-item tiled-gallery-item-small\" itemprop=\"associatedMedia\" itemscope itemtype=\"http:\/\/schema.org\/ImageObject\"> <a href=\"https:\/\/itayachtscanada.com\/fr\/listing\/azimut-seadeck-6-2024-e2781050-euros-for-sale\/capture-decran-le-2024-11-17-a-10-02-50\/\" border=\"0\" itemprop=\"url\"> <meta itemprop=\"width\" content=\"235\"> <meta itemprop=\"height\" content=\"352\"> <img decoding=\"async\" class=\"\" data-attachment-id=\"186815\" data-orig-file=\"https:\/\/itayachtscanada.com\/wp-content\/uploads\/2024\/11\/Capture-decran-le-2024-11-17-a-10.02.50.jpg\" data-orig-size=\"702,1050\" data-comments-opened=\"1\" data-image-meta=\"{&quot;aperture&quot;:&quot;0&quot;,&quot;credit&quot;:&quot;&quot;,&quot;camera&quot;:&quot;&quot;,&quot;caption&quot;:&quot;&quot;,&quot;created_timestamp&quot;:&quot;0&quot;,&quot;copyright&quot;:&quot;&quot;,&quot;focal_length&quot;:&quot;0&quot;,&quot;iso&quot;:&quot;0&quot;,&quot;shutter_speed&quot;:&quot;0&quot;,&quot;title&quot;:&quot;&quot;,&quot;orientation&quot;:&quot;0&quot;}\" data-image-title=\"Capture d\u2019e\u0301cran, le 2024-11-17 a\u0300 10.02.50\" data-image-description=\"\" data-medium-file=\"https:\/\/i0.wp.com\/itayachtscanada.com\/wp-content\/uploads\/2024\/11\/Capture-decran-le-2024-11-17-a-10.02.50.jpg?fit=201%2C300&#038;ssl=1\" data-large-file=\"https:\/\/i0.wp.com\/itayachtscanada.com\/wp-content\/uploads\/2024\/11\/Capture-decran-le-2024-11-17-a-10.02.50.jpg?fit=685%2C1024&#038;ssl=1\" src=\"https:\/\/i0.wp.com\/itayachtscanada.com\/wp-content\/uploads\/2024\/11\/Capture-decran-le-2024-11-17-a-10.02.50.jpg?w=235&#038;h=352&#038;ssl=1\" srcset=\"https:\/\/i0.wp.com\/itayachtscanada.com\/wp-content\/uploads\/2024\/11\/Capture-decran-le-2024-11-17-a-10.02.50.jpg?w=702&amp;ssl=1 702w, https:\/\/i0.wp.com\/itayachtscanada.com\/wp-content\/uploads\/2024\/11\/Capture-decran-le-2024-11-17-a-10.02.50.jpg?resize=201%2C300&amp;ssl=1 201w, https:\/\/i0.wp.com\/itayachtscanada.com\/wp-content\/uploads\/2024\/11\/Capture-decran-le-2024-11-17-a-10.02.50.jpg?resize=685%2C1024&amp;ssl=1 685w, https:\/\/i0.wp.com\/itayachtscanada.com\/wp-content\/uploads\/2024\/11\/Capture-decran-le-2024-11-17-a-10.02.50.jpg?resize=700%2C1047&amp;ssl=1 700w, https:\/\/i0.wp.com\/itayachtscanada.com\/wp-content\/uploads\/2024\/11\/Capture-decran-le-2024-11-17-a-10.02.50.jpg?resize=267%2C400&amp;ssl=1 267w\" width=\"235\" height=\"352\" loading=\"lazy\" data-original-width=\"235\" data-original-height=\"352\" itemprop=\"http:\/\/schema.org\/image\" title=\"Capture d\u2019e\u0301cran, le 2024-11-17 a\u0300 10.02.50\" alt=\"Capture d\u2019e\u0301cran, le 2024-11-17 a\u0300 10.02.50\" style=\"width: 235px; height: 352px;\" \/> <\/a> <\/div> <\/div> <!-- close group --> <\/div> <!-- close row --> <div class=\"gallery-row\" style=\"width: 700px; height: 340px;\" data-original-width=\"700\" data-original-height=\"340\" > <div class=\"gallery-group images-1\" style=\"width: 229px; height: 340px;\" data-original-width=\"229\" data-original-height=\"340\" > <div class=\"tiled-gallery-item tiled-gallery-item-small\" itemprop=\"associatedMedia\" itemscope itemtype=\"http:\/\/schema.org\/ImageObject\"> <a href=\"https:\/\/itayachtscanada.com\/fr\/listing\/azimut-seadeck-6-2024-e2781050-euros-for-sale\/capture-decran-le-2024-11-17-a-10-02-42\/\" border=\"0\" itemprop=\"url\"> <meta itemprop=\"width\" content=\"225\"> <meta itemprop=\"height\" content=\"336\"> <img decoding=\"async\" class=\"\" data-attachment-id=\"186816\" data-orig-file=\"https:\/\/itayachtscanada.com\/wp-content\/uploads\/2024\/11\/Capture-decran-le-2024-11-17-a-10.02.42.jpg\" data-orig-size=\"702,1050\" data-comments-opened=\"1\" data-image-meta=\"{&quot;aperture&quot;:&quot;0&quot;,&quot;credit&quot;:&quot;&quot;,&quot;camera&quot;:&quot;&quot;,&quot;caption&quot;:&quot;&quot;,&quot;created_timestamp&quot;:&quot;0&quot;,&quot;copyright&quot;:&quot;&quot;,&quot;focal_length&quot;:&quot;0&quot;,&quot;iso&quot;:&quot;0&quot;,&quot;shutter_speed&quot;:&quot;0&quot;,&quot;title&quot;:&quot;&quot;,&quot;orientation&quot;:&quot;0&quot;}\" data-image-title=\"Capture d\u2019e\u0301cran, le 2024-11-17 a\u0300 10.02.42\" data-image-description=\"\" data-medium-file=\"https:\/\/i0.wp.com\/itayachtscanada.com\/wp-content\/uploads\/2024\/11\/Capture-decran-le-2024-11-17-a-10.02.42.jpg?fit=201%2C300&#038;ssl=1\" data-large-file=\"https:\/\/i0.wp.com\/itayachtscanada.com\/wp-content\/uploads\/2024\/11\/Capture-decran-le-2024-11-17-a-10.02.42.jpg?fit=685%2C1024&#038;ssl=1\" src=\"https:\/\/i0.wp.com\/itayachtscanada.com\/wp-content\/uploads\/2024\/11\/Capture-decran-le-2024-11-17-a-10.02.42.jpg?w=225&#038;h=336&#038;ssl=1\" srcset=\"https:\/\/i0.wp.com\/itayachtscanada.com\/wp-content\/uploads\/2024\/11\/Capture-decran-le-2024-11-17-a-10.02.42.jpg?w=702&amp;ssl=1 702w, https:\/\/i0.wp.com\/itayachtscanada.com\/wp-content\/uploads\/2024\/11\/Capture-decran-le-2024-11-17-a-10.02.42.jpg?resize=201%2C300&amp;ssl=1 201w, https:\/\/i0.wp.com\/itayachtscanada.com\/wp-content\/uploads\/2024\/11\/Capture-decran-le-2024-11-17-a-10.02.42.jpg?resize=685%2C1024&amp;ssl=1 685w, https:\/\/i0.wp.com\/itayachtscanada.com\/wp-content\/uploads\/2024\/11\/Capture-decran-le-2024-11-17-a-10.02.42.jpg?resize=700%2C1047&amp;ssl=1 700w, https:\/\/i0.wp.com\/itayachtscanada.com\/wp-content\/uploads\/2024\/11\/Capture-decran-le-2024-11-17-a-10.02.42.jpg?resize=267%2C400&amp;ssl=1 267w\" width=\"225\" height=\"336\" loading=\"lazy\" data-original-width=\"225\" data-original-height=\"336\" itemprop=\"http:\/\/schema.org\/image\" title=\"Capture d\u2019e\u0301cran, le 2024-11-17 a\u0300 10.02.42\" alt=\"Capture d\u2019e\u0301cran, le 2024-11-17 a\u0300 10.02.42\" style=\"width: 225px; height: 336px;\" \/> <\/a> <\/div> <\/div> <!-- close group --> <div class=\"gallery-group images-2\" style=\"width: 243px; height: 340px;\" data-original-width=\"243\" data-original-height=\"340\" > <div class=\"tiled-gallery-item tiled-gallery-item-small\" itemprop=\"associatedMedia\" itemscope itemtype=\"http:\/\/schema.org\/ImageObject\"> <a href=\"https:\/\/itayachtscanada.com\/fr\/listing\/azimut-seadeck-6-2024-e2781050-euros-for-sale\/capture-decran-le-2024-11-17-a-10-10-56\/\" border=\"0\" itemprop=\"url\"> <meta itemprop=\"width\" content=\"239\"> <meta itemprop=\"height\" content=\"154\"> <img decoding=\"async\" class=\"\" data-attachment-id=\"186797\" data-orig-file=\"https:\/\/itayachtscanada.com\/wp-content\/uploads\/2024\/11\/Capture-decran-le-2024-11-17-a-10.10.56.jpg\" data-orig-size=\"1798,1158\" data-comments-opened=\"1\" data-image-meta=\"{&quot;aperture&quot;:&quot;0&quot;,&quot;credit&quot;:&quot;&quot;,&quot;camera&quot;:&quot;&quot;,&quot;caption&quot;:&quot;&quot;,&quot;created_timestamp&quot;:&quot;0&quot;,&quot;copyright&quot;:&quot;&quot;,&quot;focal_length&quot;:&quot;0&quot;,&quot;iso&quot;:&quot;0&quot;,&quot;shutter_speed&quot;:&quot;0&quot;,&quot;title&quot;:&quot;&quot;,&quot;orientation&quot;:&quot;0&quot;}\" data-image-title=\"Capture d\u2019e\u0301cran, le 2024-11-17 a\u0300 10.10.56\" data-image-description=\"\" data-medium-file=\"https:\/\/i0.wp.com\/itayachtscanada.com\/wp-content\/uploads\/2024\/11\/Capture-decran-le-2024-11-17-a-10.10.56.jpg?fit=300%2C193&#038;ssl=1\" data-large-file=\"https:\/\/i0.wp.com\/itayachtscanada.com\/wp-content\/uploads\/2024\/11\/Capture-decran-le-2024-11-17-a-10.10.56.jpg?fit=700%2C451&#038;ssl=1\" src=\"https:\/\/i0.wp.com\/itayachtscanada.com\/wp-content\/uploads\/2024\/11\/Capture-decran-le-2024-11-17-a-10.10.56.jpg?w=239&#038;h=154&#038;ssl=1\" srcset=\"https:\/\/i0.wp.com\/itayachtscanada.com\/wp-content\/uploads\/2024\/11\/Capture-decran-le-2024-11-17-a-10.10.56.jpg?w=1798&amp;ssl=1 1798w, https:\/\/i0.wp.com\/itayachtscanada.com\/wp-content\/uploads\/2024\/11\/Capture-decran-le-2024-11-17-a-10.10.56.jpg?resize=300%2C193&amp;ssl=1 300w, https:\/\/i0.wp.com\/itayachtscanada.com\/wp-content\/uploads\/2024\/11\/Capture-decran-le-2024-11-17-a-10.10.56.jpg?resize=1024%2C660&amp;ssl=1 1024w, https:\/\/i0.wp.com\/itayachtscanada.com\/wp-content\/uploads\/2024\/11\/Capture-decran-le-2024-11-17-a-10.10.56.jpg?resize=768%2C495&amp;ssl=1 768w, https:\/\/i0.wp.com\/itayachtscanada.com\/wp-content\/uploads\/2024\/11\/Capture-decran-le-2024-11-17-a-10.10.56.jpg?resize=1536%2C989&amp;ssl=1 1536w, https:\/\/i0.wp.com\/itayachtscanada.com\/wp-content\/uploads\/2024\/11\/Capture-decran-le-2024-11-17-a-10.10.56.jpg?resize=700%2C451&amp;ssl=1 700w, https:\/\/i0.wp.com\/itayachtscanada.com\/wp-content\/uploads\/2024\/11\/Capture-decran-le-2024-11-17-a-10.10.56.jpg?resize=621%2C400&amp;ssl=1 621w, https:\/\/i0.wp.com\/itayachtscanada.com\/wp-content\/uploads\/2024\/11\/Capture-decran-le-2024-11-17-a-10.10.56.jpg?w=1400&amp;ssl=1 1400w\" width=\"239\" height=\"154\" loading=\"lazy\" data-original-width=\"239\" data-original-height=\"154\" itemprop=\"http:\/\/schema.org\/image\" title=\"Capture d\u2019e\u0301cran, le 2024-11-17 a\u0300 10.10.56\" alt=\"Capture d\u2019e\u0301cran, le 2024-11-17 a\u0300 10.10.56\" style=\"width: 239px; height: 154px;\" \/> <\/a> <\/div> <div class=\"tiled-gallery-item tiled-gallery-item-small\" itemprop=\"associatedMedia\" itemscope itemtype=\"http:\/\/schema.org\/ImageObject\"> <a href=\"https:\/\/itayachtscanada.com\/fr\/listing\/azimut-seadeck-6-2024-e2781050-euros-for-sale\/capture-decran-le-2024-11-17-a-10-02-35\/\" border=\"0\" itemprop=\"url\"> <meta itemprop=\"width\" content=\"239\"> <meta itemprop=\"height\" content=\"178\"> <img decoding=\"async\" class=\"\" data-attachment-id=\"186818\" data-orig-file=\"https:\/\/itayachtscanada.com\/wp-content\/uploads\/2024\/11\/Capture-decran-le-2024-11-17-a-10.02.35.jpg\" data-orig-size=\"1410,1050\" data-comments-opened=\"1\" data-image-meta=\"{&quot;aperture&quot;:&quot;0&quot;,&quot;credit&quot;:&quot;&quot;,&quot;camera&quot;:&quot;&quot;,&quot;caption&quot;:&quot;&quot;,&quot;created_timestamp&quot;:&quot;0&quot;,&quot;copyright&quot;:&quot;&quot;,&quot;focal_length&quot;:&quot;0&quot;,&quot;iso&quot;:&quot;0&quot;,&quot;shutter_speed&quot;:&quot;0&quot;,&quot;title&quot;:&quot;&quot;,&quot;orientation&quot;:&quot;0&quot;}\" data-image-title=\"Capture d\u2019e\u0301cran, le 2024-11-17 a\u0300 10.02.35\" data-image-description=\"\" data-medium-file=\"https:\/\/i0.wp.com\/itayachtscanada.com\/wp-content\/uploads\/2024\/11\/Capture-decran-le-2024-11-17-a-10.02.35.jpg?fit=300%2C223&#038;ssl=1\" data-large-file=\"https:\/\/i0.wp.com\/itayachtscanada.com\/wp-content\/uploads\/2024\/11\/Capture-decran-le-2024-11-17-a-10.02.35.jpg?fit=700%2C522&#038;ssl=1\" src=\"https:\/\/i0.wp.com\/itayachtscanada.com\/wp-content\/uploads\/2024\/11\/Capture-decran-le-2024-11-17-a-10.02.35.jpg?w=239&#038;h=178&#038;ssl=1\" srcset=\"https:\/\/i0.wp.com\/itayachtscanada.com\/wp-content\/uploads\/2024\/11\/Capture-decran-le-2024-11-17-a-10.02.35.jpg?w=1410&amp;ssl=1 1410w, https:\/\/i0.wp.com\/itayachtscanada.com\/wp-content\/uploads\/2024\/11\/Capture-decran-le-2024-11-17-a-10.02.35.jpg?resize=300%2C223&amp;ssl=1 300w, https:\/\/i0.wp.com\/itayachtscanada.com\/wp-content\/uploads\/2024\/11\/Capture-decran-le-2024-11-17-a-10.02.35.jpg?resize=1024%2C763&amp;ssl=1 1024w, https:\/\/i0.wp.com\/itayachtscanada.com\/wp-content\/uploads\/2024\/11\/Capture-decran-le-2024-11-17-a-10.02.35.jpg?resize=768%2C572&amp;ssl=1 768w, https:\/\/i0.wp.com\/itayachtscanada.com\/wp-content\/uploads\/2024\/11\/Capture-decran-le-2024-11-17-a-10.02.35.jpg?resize=700%2C521&amp;ssl=1 700w, https:\/\/i0.wp.com\/itayachtscanada.com\/wp-content\/uploads\/2024\/11\/Capture-decran-le-2024-11-17-a-10.02.35.jpg?resize=537%2C400&amp;ssl=1 537w\" width=\"239\" height=\"178\" loading=\"lazy\" data-original-width=\"239\" data-original-height=\"178\" itemprop=\"http:\/\/schema.org\/image\" title=\"Capture d\u2019e\u0301cran, le 2024-11-17 a\u0300 10.02.35\" alt=\"Capture d\u2019e\u0301cran, le 2024-11-17 a\u0300 10.02.35\" style=\"width: 239px; height: 178px;\" \/> <\/a> <\/div> <\/div> <!-- close group --> <div class=\"gallery-group images-1\" style=\"width: 228px; height: 340px;\" data-original-width=\"228\" data-original-height=\"340\" > <div class=\"tiled-gallery-item tiled-gallery-item-small\" itemprop=\"associatedMedia\" itemscope itemtype=\"http:\/\/schema.org\/ImageObject\"> <a href=\"https:\/\/itayachtscanada.com\/fr\/listing\/azimut-seadeck-6-2024-e2781050-euros-for-sale\/capture-decran-le-2024-11-17-a-10-02-18\/\" border=\"0\" itemprop=\"url\"> <meta itemprop=\"width\" content=\"224\"> <meta itemprop=\"height\" content=\"336\"> <img decoding=\"async\" class=\"\" data-attachment-id=\"186820\" data-orig-file=\"https:\/\/itayachtscanada.com\/wp-content\/uploads\/2024\/11\/Capture-decran-le-2024-11-17-a-10.02.18.jpg\" data-orig-size=\"702,1050\" data-comments-opened=\"1\" data-image-meta=\"{&quot;aperture&quot;:&quot;0&quot;,&quot;credit&quot;:&quot;&quot;,&quot;camera&quot;:&quot;&quot;,&quot;caption&quot;:&quot;&quot;,&quot;created_timestamp&quot;:&quot;0&quot;,&quot;copyright&quot;:&quot;&quot;,&quot;focal_length&quot;:&quot;0&quot;,&quot;iso&quot;:&quot;0&quot;,&quot;shutter_speed&quot;:&quot;0&quot;,&quot;title&quot;:&quot;&quot;,&quot;orientation&quot;:&quot;0&quot;}\" data-image-title=\"Capture d\u2019e\u0301cran, le 2024-11-17 a\u0300 10.02.18\" data-image-description=\"\" data-medium-file=\"https:\/\/i0.wp.com\/itayachtscanada.com\/wp-content\/uploads\/2024\/11\/Capture-decran-le-2024-11-17-a-10.02.18.jpg?fit=201%2C300&#038;ssl=1\" data-large-file=\"https:\/\/i0.wp.com\/itayachtscanada.com\/wp-content\/uploads\/2024\/11\/Capture-decran-le-2024-11-17-a-10.02.18.jpg?fit=685%2C1024&#038;ssl=1\" src=\"https:\/\/i0.wp.com\/itayachtscanada.com\/wp-content\/uploads\/2024\/11\/Capture-decran-le-2024-11-17-a-10.02.18.jpg?w=224&#038;h=336&#038;ssl=1\" srcset=\"https:\/\/i0.wp.com\/itayachtscanada.com\/wp-content\/uploads\/2024\/11\/Capture-decran-le-2024-11-17-a-10.02.18.jpg?w=702&amp;ssl=1 702w, https:\/\/i0.wp.com\/itayachtscanada.com\/wp-content\/uploads\/2024\/11\/Capture-decran-le-2024-11-17-a-10.02.18.jpg?resize=685%2C1024&amp;ssl=1 685w, https:\/\/i0.wp.com\/itayachtscanada.com\/wp-content\/uploads\/2024\/11\/Capture-decran-le-2024-11-17-a-10.02.18.jpg?resize=700%2C1047&amp;ssl=1 700w, https:\/\/i0.wp.com\/itayachtscanada.com\/wp-content\/uploads\/2024\/11\/Capture-decran-le-2024-11-17-a-10.02.18.jpg?resize=267%2C400&amp;ssl=1 267w\" width=\"224\" height=\"336\" loading=\"lazy\" data-original-width=\"224\" data-original-height=\"336\" itemprop=\"http:\/\/schema.org\/image\" title=\"Capture d\u2019e\u0301cran, le 2024-11-17 a\u0300 10.02.18\" alt=\"Capture d\u2019e\u0301cran, le 2024-11-17 a\u0300 10.02.18\" style=\"width: 224px; height: 336px;\" \/> <\/a> <\/div> <\/div> <!-- close group --> <\/div> <!-- close row --> <div class=\"gallery-row\" style=\"width: 700px; height: 322px;\" data-original-width=\"700\" data-original-height=\"322\" > <div class=\"gallery-group images-1\" style=\"width: 483px; height: 322px;\" data-original-width=\"483\" data-original-height=\"322\" > <div class=\"tiled-gallery-item tiled-gallery-item-large\" itemprop=\"associatedMedia\" itemscope itemtype=\"http:\/\/schema.org\/ImageObject\"> <a href=\"https:\/\/itayachtscanada.com\/fr\/listing\/azimut-seadeck-6-2024-e2781050-euros-for-sale\/capture-decran-le-2024-11-17-a-10-04-28\/\" border=\"0\" itemprop=\"url\"> <meta itemprop=\"width\" content=\"479\"> <meta itemprop=\"height\" content=\"318\"> <img decoding=\"async\" class=\"\" data-attachment-id=\"186808\" data-orig-file=\"https:\/\/itayachtscanada.com\/wp-content\/uploads\/2024\/11\/Capture-decran-le-2024-11-17-a-10.04.28.jpg\" data-orig-size=\"1820,1210\" data-comments-opened=\"1\" data-image-meta=\"{&quot;aperture&quot;:&quot;0&quot;,&quot;credit&quot;:&quot;&quot;,&quot;camera&quot;:&quot;&quot;,&quot;caption&quot;:&quot;&quot;,&quot;created_timestamp&quot;:&quot;0&quot;,&quot;copyright&quot;:&quot;&quot;,&quot;focal_length&quot;:&quot;0&quot;,&quot;iso&quot;:&quot;0&quot;,&quot;shutter_speed&quot;:&quot;0&quot;,&quot;title&quot;:&quot;&quot;,&quot;orientation&quot;:&quot;0&quot;}\" data-image-title=\"Capture d\u2019e\u0301cran, le 2024-11-17 a\u0300 10.04.28\" data-image-description=\"\" data-medium-file=\"https:\/\/i0.wp.com\/itayachtscanada.com\/wp-content\/uploads\/2024\/11\/Capture-decran-le-2024-11-17-a-10.04.28.jpg?fit=300%2C199&#038;ssl=1\" data-large-file=\"https:\/\/i0.wp.com\/itayachtscanada.com\/wp-content\/uploads\/2024\/11\/Capture-decran-le-2024-11-17-a-10.04.28.jpg?fit=700%2C466&#038;ssl=1\" src=\"https:\/\/i0.wp.com\/itayachtscanada.com\/wp-content\/uploads\/2024\/11\/Capture-decran-le-2024-11-17-a-10.04.28.jpg?w=479&#038;h=318&#038;ssl=1\" srcset=\"https:\/\/i0.wp.com\/itayachtscanada.com\/wp-content\/uploads\/2024\/11\/Capture-decran-le-2024-11-17-a-10.04.28.jpg?w=1820&amp;ssl=1 1820w, https:\/\/i0.wp.com\/itayachtscanada.com\/wp-content\/uploads\/2024\/11\/Capture-decran-le-2024-11-17-a-10.04.28.jpg?resize=300%2C199&amp;ssl=1 300w, https:\/\/i0.wp.com\/itayachtscanada.com\/wp-content\/uploads\/2024\/11\/Capture-decran-le-2024-11-17-a-10.04.28.jpg?resize=1024%2C681&amp;ssl=1 1024w, https:\/\/i0.wp.com\/itayachtscanada.com\/wp-content\/uploads\/2024\/11\/Capture-decran-le-2024-11-17-a-10.04.28.jpg?resize=768%2C511&amp;ssl=1 768w, https:\/\/i0.wp.com\/itayachtscanada.com\/wp-content\/uploads\/2024\/11\/Capture-decran-le-2024-11-17-a-10.04.28.jpg?resize=1536%2C1021&amp;ssl=1 1536w, https:\/\/i0.wp.com\/itayachtscanada.com\/wp-content\/uploads\/2024\/11\/Capture-decran-le-2024-11-17-a-10.04.28.jpg?resize=700%2C465&amp;ssl=1 700w, https:\/\/i0.wp.com\/itayachtscanada.com\/wp-content\/uploads\/2024\/11\/Capture-decran-le-2024-11-17-a-10.04.28.jpg?resize=900%2C600&amp;ssl=1 900w, https:\/\/i0.wp.com\/itayachtscanada.com\/wp-content\/uploads\/2024\/11\/Capture-decran-le-2024-11-17-a-10.04.28.jpg?resize=602%2C400&amp;ssl=1 602w, https:\/\/i0.wp.com\/itayachtscanada.com\/wp-content\/uploads\/2024\/11\/Capture-decran-le-2024-11-17-a-10.04.28.jpg?w=1400&amp;ssl=1 1400w\" width=\"479\" height=\"318\" loading=\"lazy\" data-original-width=\"479\" data-original-height=\"318\" itemprop=\"http:\/\/schema.org\/image\" title=\"Capture d\u2019e\u0301cran, le 2024-11-17 a\u0300 10.04.28\" alt=\"Capture d\u2019e\u0301cran, le 2024-11-17 a\u0300 10.04.28\" style=\"width: 479px; height: 318px;\" \/> <\/a> <\/div> <\/div> <!-- close group --> <div class=\"gallery-group images-1\" style=\"width: 217px; height: 322px;\" data-original-width=\"217\" data-original-height=\"322\" > <div class=\"tiled-gallery-item tiled-gallery-item-small\" itemprop=\"associatedMedia\" itemscope itemtype=\"http:\/\/schema.org\/ImageObject\"> <a href=\"https:\/\/itayachtscanada.com\/fr\/listing\/azimut-seadeck-6-2024-e2781050-euros-for-sale\/capture-decran-le-2024-11-17-a-10-02-55\/\" border=\"0\" itemprop=\"url\"> <meta itemprop=\"width\" content=\"213\"> <meta itemprop=\"height\" content=\"318\"> <img decoding=\"async\" class=\"\" data-attachment-id=\"186814\" data-orig-file=\"https:\/\/itayachtscanada.com\/wp-content\/uploads\/2024\/11\/Capture-decran-le-2024-11-17-a-10.02.55.jpg\" data-orig-size=\"702,1050\" data-comments-opened=\"1\" data-image-meta=\"{&quot;aperture&quot;:&quot;0&quot;,&quot;credit&quot;:&quot;&quot;,&quot;camera&quot;:&quot;&quot;,&quot;caption&quot;:&quot;&quot;,&quot;created_timestamp&quot;:&quot;0&quot;,&quot;copyright&quot;:&quot;&quot;,&quot;focal_length&quot;:&quot;0&quot;,&quot;iso&quot;:&quot;0&quot;,&quot;shutter_speed&quot;:&quot;0&quot;,&quot;title&quot;:&quot;&quot;,&quot;orientation&quot;:&quot;0&quot;}\" data-image-title=\"Capture d\u2019e\u0301cran, le 2024-11-17 a\u0300 10.02.55\" data-image-description=\"\" data-medium-file=\"https:\/\/i0.wp.com\/itayachtscanada.com\/wp-content\/uploads\/2024\/11\/Capture-decran-le-2024-11-17-a-10.02.55.jpg?fit=201%2C300&#038;ssl=1\" data-large-file=\"https:\/\/i0.wp.com\/itayachtscanada.com\/wp-content\/uploads\/2024\/11\/Capture-decran-le-2024-11-17-a-10.02.55.jpg?fit=685%2C1024&#038;ssl=1\" src=\"https:\/\/i0.wp.com\/itayachtscanada.com\/wp-content\/uploads\/2024\/11\/Capture-decran-le-2024-11-17-a-10.02.55.jpg?w=213&#038;h=318&#038;ssl=1\" srcset=\"https:\/\/i0.wp.com\/itayachtscanada.com\/wp-content\/uploads\/2024\/11\/Capture-decran-le-2024-11-17-a-10.02.55.jpg?w=702&amp;ssl=1 702w, https:\/\/i0.wp.com\/itayachtscanada.com\/wp-content\/uploads\/2024\/11\/Capture-decran-le-2024-11-17-a-10.02.55.jpg?resize=201%2C300&amp;ssl=1 201w, https:\/\/i0.wp.com\/itayachtscanada.com\/wp-content\/uploads\/2024\/11\/Capture-decran-le-2024-11-17-a-10.02.55.jpg?resize=685%2C1024&amp;ssl=1 685w, https:\/\/i0.wp.com\/itayachtscanada.com\/wp-content\/uploads\/2024\/11\/Capture-decran-le-2024-11-17-a-10.02.55.jpg?resize=700%2C1047&amp;ssl=1 700w, https:\/\/i0.wp.com\/itayachtscanada.com\/wp-content\/uploads\/2024\/11\/Capture-decran-le-2024-11-17-a-10.02.55.jpg?resize=267%2C400&amp;ssl=1 267w\" width=\"213\" height=\"318\" loading=\"lazy\" data-original-width=\"213\" data-original-height=\"318\" itemprop=\"http:\/\/schema.org\/image\" title=\"Capture d\u2019e\u0301cran, le 2024-11-17 a\u0300 10.02.55\" alt=\"Capture d\u2019e\u0301cran, le 2024-11-17 a\u0300 10.02.55\" style=\"width: 213px; height: 318px;\" \/> <\/a> <\/div> <\/div> <!-- close group --> <\/div> <!-- close row --> <div class=\"gallery-row\" style=\"width: 700px; height: 313px;\" data-original-width=\"700\" data-original-height=\"313\" > <div class=\"gallery-group images-1\" style=\"width: 479px; height: 313px;\" data-original-width=\"479\" data-original-height=\"313\" > <div class=\"tiled-gallery-item tiled-gallery-item-large\" itemprop=\"associatedMedia\" itemscope itemtype=\"http:\/\/schema.org\/ImageObject\"> <a href=\"https:\/\/itayachtscanada.com\/fr\/listing\/azimut-seadeck-6-2024-e2781050-euros-for-sale\/capture-decran-le-2024-11-17-a-10-13-44\/\" border=\"0\" itemprop=\"url\"> <meta itemprop=\"width\" content=\"475\"> <meta itemprop=\"height\" content=\"309\"> <img decoding=\"async\" class=\"\" data-attachment-id=\"186792\" data-orig-file=\"https:\/\/itayachtscanada.com\/wp-content\/uploads\/2024\/11\/Capture-decran-le-2024-11-17-a-10.13.44.jpg\" data-orig-size=\"1944,1264\" data-comments-opened=\"1\" data-image-meta=\"{&quot;aperture&quot;:&quot;0&quot;,&quot;credit&quot;:&quot;&quot;,&quot;camera&quot;:&quot;&quot;,&quot;caption&quot;:&quot;&quot;,&quot;created_timestamp&quot;:&quot;0&quot;,&quot;copyright&quot;:&quot;&quot;,&quot;focal_length&quot;:&quot;0&quot;,&quot;iso&quot;:&quot;0&quot;,&quot;shutter_speed&quot;:&quot;0&quot;,&quot;title&quot;:&quot;&quot;,&quot;orientation&quot;:&quot;0&quot;}\" data-image-title=\"Capture d\u2019e\u0301cran, le 2024-11-17 a\u0300 10.13.44\" data-image-description=\"\" data-medium-file=\"https:\/\/i0.wp.com\/itayachtscanada.com\/wp-content\/uploads\/2024\/11\/Capture-decran-le-2024-11-17-a-10.13.44.jpg?fit=300%2C195&#038;ssl=1\" data-large-file=\"https:\/\/i0.wp.com\/itayachtscanada.com\/wp-content\/uploads\/2024\/11\/Capture-decran-le-2024-11-17-a-10.13.44.jpg?fit=700%2C455&#038;ssl=1\" src=\"https:\/\/i0.wp.com\/itayachtscanada.com\/wp-content\/uploads\/2024\/11\/Capture-decran-le-2024-11-17-a-10.13.44.jpg?w=475&#038;h=309&#038;ssl=1\" srcset=\"https:\/\/i0.wp.com\/itayachtscanada.com\/wp-content\/uploads\/2024\/11\/Capture-decran-le-2024-11-17-a-10.13.44.jpg?w=1944&amp;ssl=1 1944w, https:\/\/i0.wp.com\/itayachtscanada.com\/wp-content\/uploads\/2024\/11\/Capture-decran-le-2024-11-17-a-10.13.44.jpg?resize=300%2C195&amp;ssl=1 300w, https:\/\/i0.wp.com\/itayachtscanada.com\/wp-content\/uploads\/2024\/11\/Capture-decran-le-2024-11-17-a-10.13.44.jpg?resize=1024%2C666&amp;ssl=1 1024w, https:\/\/i0.wp.com\/itayachtscanada.com\/wp-content\/uploads\/2024\/11\/Capture-decran-le-2024-11-17-a-10.13.44.jpg?resize=768%2C499&amp;ssl=1 768w, https:\/\/i0.wp.com\/itayachtscanada.com\/wp-content\/uploads\/2024\/11\/Capture-decran-le-2024-11-17-a-10.13.44.jpg?resize=1536%2C999&amp;ssl=1 1536w, https:\/\/i0.wp.com\/itayachtscanada.com\/wp-content\/uploads\/2024\/11\/Capture-decran-le-2024-11-17-a-10.13.44.jpg?resize=700%2C455&amp;ssl=1 700w, https:\/\/i0.wp.com\/itayachtscanada.com\/wp-content\/uploads\/2024\/11\/Capture-decran-le-2024-11-17-a-10.13.44.jpg?resize=615%2C400&amp;ssl=1 615w, https:\/\/i0.wp.com\/itayachtscanada.com\/wp-content\/uploads\/2024\/11\/Capture-decran-le-2024-11-17-a-10.13.44.jpg?w=1400&amp;ssl=1 1400w\" width=\"475\" height=\"309\" loading=\"lazy\" data-original-width=\"475\" data-original-height=\"309\" itemprop=\"http:\/\/schema.org\/image\" title=\"Capture d\u2019e\u0301cran, le 2024-11-17 a\u0300 10.13.44\" alt=\"Capture d\u2019e\u0301cran, le 2024-11-17 a\u0300 10.13.44\" style=\"width: 475px; height: 309px;\" \/> <\/a> <\/div> <\/div> <!-- close group --> <div class=\"gallery-group images-2\" style=\"width: 221px; height: 313px;\" data-original-width=\"221\" data-original-height=\"313\" > <div class=\"tiled-gallery-item tiled-gallery-item-small\" itemprop=\"associatedMedia\" itemscope itemtype=\"http:\/\/schema.org\/ImageObject\"> <a href=\"https:\/\/itayachtscanada.com\/fr\/listing\/azimut-seadeck-6-2024-e2781050-euros-for-sale\/capture-decran-le-2024-11-17-a-10-28-43\/\" border=\"0\" itemprop=\"url\"> <meta itemprop=\"width\" content=\"217\"> <meta itemprop=\"height\" content=\"162\"> <img decoding=\"async\" class=\"\" data-attachment-id=\"186824\" data-orig-file=\"https:\/\/itayachtscanada.com\/wp-content\/uploads\/2024\/11\/Capture-decran-le-2024-11-17-a-10.28.43.jpg\" data-orig-size=\"1874,1394\" data-comments-opened=\"1\" data-image-meta=\"{&quot;aperture&quot;:&quot;0&quot;,&quot;credit&quot;:&quot;&quot;,&quot;camera&quot;:&quot;&quot;,&quot;caption&quot;:&quot;&quot;,&quot;created_timestamp&quot;:&quot;0&quot;,&quot;copyright&quot;:&quot;&quot;,&quot;focal_length&quot;:&quot;0&quot;,&quot;iso&quot;:&quot;0&quot;,&quot;shutter_speed&quot;:&quot;0&quot;,&quot;title&quot;:&quot;&quot;,&quot;orientation&quot;:&quot;0&quot;}\" data-image-title=\"Capture d\u2019e\u0301cran, le 2024-11-17 a\u0300 10.28.43\" data-image-description=\"\" data-medium-file=\"https:\/\/i0.wp.com\/itayachtscanada.com\/wp-content\/uploads\/2024\/11\/Capture-decran-le-2024-11-17-a-10.28.43.jpg?fit=300%2C223&#038;ssl=1\" data-large-file=\"https:\/\/i0.wp.com\/itayachtscanada.com\/wp-content\/uploads\/2024\/11\/Capture-decran-le-2024-11-17-a-10.28.43.jpg?fit=700%2C521&#038;ssl=1\" src=\"https:\/\/i0.wp.com\/itayachtscanada.com\/wp-content\/uploads\/2024\/11\/Capture-decran-le-2024-11-17-a-10.28.43.jpg?w=217&#038;h=162&#038;ssl=1\" srcset=\"https:\/\/i0.wp.com\/itayachtscanada.com\/wp-content\/uploads\/2024\/11\/Capture-decran-le-2024-11-17-a-10.28.43.jpg?w=1874&amp;ssl=1 1874w, https:\/\/i0.wp.com\/itayachtscanada.com\/wp-content\/uploads\/2024\/11\/Capture-decran-le-2024-11-17-a-10.28.43.jpg?resize=300%2C223&amp;ssl=1 300w, https:\/\/i0.wp.com\/itayachtscanada.com\/wp-content\/uploads\/2024\/11\/Capture-decran-le-2024-11-17-a-10.28.43.jpg?resize=1024%2C762&amp;ssl=1 1024w, https:\/\/i0.wp.com\/itayachtscanada.com\/wp-content\/uploads\/2024\/11\/Capture-decran-le-2024-11-17-a-10.28.43.jpg?resize=768%2C571&amp;ssl=1 768w, https:\/\/i0.wp.com\/itayachtscanada.com\/wp-content\/uploads\/2024\/11\/Capture-decran-le-2024-11-17-a-10.28.43.jpg?resize=1536%2C1143&amp;ssl=1 1536w, https:\/\/i0.wp.com\/itayachtscanada.com\/wp-content\/uploads\/2024\/11\/Capture-decran-le-2024-11-17-a-10.28.43.jpg?resize=700%2C521&amp;ssl=1 700w, https:\/\/i0.wp.com\/itayachtscanada.com\/wp-content\/uploads\/2024\/11\/Capture-decran-le-2024-11-17-a-10.28.43.jpg?resize=538%2C400&amp;ssl=1 538w, https:\/\/i0.wp.com\/itayachtscanada.com\/wp-content\/uploads\/2024\/11\/Capture-decran-le-2024-11-17-a-10.28.43.jpg?w=1400&amp;ssl=1 1400w\" width=\"217\" height=\"162\" loading=\"lazy\" data-original-width=\"217\" data-original-height=\"162\" itemprop=\"http:\/\/schema.org\/image\" title=\"Capture d\u2019e\u0301cran, le 2024-11-17 a\u0300 10.28.43\" alt=\"Capture d\u2019e\u0301cran, le 2024-11-17 a\u0300 10.28.43\" style=\"width: 217px; height: 162px;\" \/> <\/a> <\/div> <div class=\"tiled-gallery-item tiled-gallery-item-small\" itemprop=\"associatedMedia\" itemscope itemtype=\"http:\/\/schema.org\/ImageObject\"> <a href=\"https:\/\/itayachtscanada.com\/fr\/listing\/azimut-seadeck-6-2024-e2781050-euros-for-sale\/capture-decran-le-2024-11-17-a-10-13-31\/\" border=\"0\" itemprop=\"url\"> <meta itemprop=\"width\" content=\"217\"> <meta itemprop=\"height\" content=\"143\"> <img decoding=\"async\" class=\"\" data-attachment-id=\"186793\" data-orig-file=\"https:\/\/itayachtscanada.com\/wp-content\/uploads\/2024\/11\/Capture-decran-le-2024-11-17-a-10.13.31.jpg\" data-orig-size=\"1944,1284\" data-comments-opened=\"1\" data-image-meta=\"{&quot;aperture&quot;:&quot;0&quot;,&quot;credit&quot;:&quot;&quot;,&quot;camera&quot;:&quot;&quot;,&quot;caption&quot;:&quot;&quot;,&quot;created_timestamp&quot;:&quot;0&quot;,&quot;copyright&quot;:&quot;&quot;,&quot;focal_length&quot;:&quot;0&quot;,&quot;iso&quot;:&quot;0&quot;,&quot;shutter_speed&quot;:&quot;0&quot;,&quot;title&quot;:&quot;&quot;,&quot;orientation&quot;:&quot;0&quot;}\" data-image-title=\"Capture d\u2019e\u0301cran, le 2024-11-17 a\u0300 10.13.31\" data-image-description=\"\" data-medium-file=\"https:\/\/i0.wp.com\/itayachtscanada.com\/wp-content\/uploads\/2024\/11\/Capture-decran-le-2024-11-17-a-10.13.31.jpg?fit=300%2C198&#038;ssl=1\" data-large-file=\"https:\/\/i0.wp.com\/itayachtscanada.com\/wp-content\/uploads\/2024\/11\/Capture-decran-le-2024-11-17-a-10.13.31.jpg?fit=700%2C462&#038;ssl=1\" src=\"https:\/\/i0.wp.com\/itayachtscanada.com\/wp-content\/uploads\/2024\/11\/Capture-decran-le-2024-11-17-a-10.13.31.jpg?w=217&#038;h=143&#038;ssl=1\" srcset=\"https:\/\/i0.wp.com\/itayachtscanada.com\/wp-content\/uploads\/2024\/11\/Capture-decran-le-2024-11-17-a-10.13.31.jpg?w=1944&amp;ssl=1 1944w, https:\/\/i0.wp.com\/itayachtscanada.com\/wp-content\/uploads\/2024\/11\/Capture-decran-le-2024-11-17-a-10.13.31.jpg?resize=300%2C198&amp;ssl=1 300w, https:\/\/i0.wp.com\/itayachtscanada.com\/wp-content\/uploads\/2024\/11\/Capture-decran-le-2024-11-17-a-10.13.31.jpg?resize=1024%2C676&amp;ssl=1 1024w, https:\/\/i0.wp.com\/itayachtscanada.com\/wp-content\/uploads\/2024\/11\/Capture-decran-le-2024-11-17-a-10.13.31.jpg?resize=768%2C507&amp;ssl=1 768w, https:\/\/i0.wp.com\/itayachtscanada.com\/wp-content\/uploads\/2024\/11\/Capture-decran-le-2024-11-17-a-10.13.31.jpg?resize=1536%2C1015&amp;ssl=1 1536w, https:\/\/i0.wp.com\/itayachtscanada.com\/wp-content\/uploads\/2024\/11\/Capture-decran-le-2024-11-17-a-10.13.31.jpg?resize=700%2C462&amp;ssl=1 700w, https:\/\/i0.wp.com\/itayachtscanada.com\/wp-content\/uploads\/2024\/11\/Capture-decran-le-2024-11-17-a-10.13.31.jpg?resize=606%2C400&amp;ssl=1 606w, https:\/\/i0.wp.com\/itayachtscanada.com\/wp-content\/uploads\/2024\/11\/Capture-decran-le-2024-11-17-a-10.13.31.jpg?w=1400&amp;ssl=1 1400w\" width=\"217\" height=\"143\" loading=\"lazy\" data-original-width=\"217\" data-original-height=\"143\" itemprop=\"http:\/\/schema.org\/image\" title=\"Capture d\u2019e\u0301cran, le 2024-11-17 a\u0300 10.13.31\" alt=\"Capture d\u2019e\u0301cran, le 2024-11-17 a\u0300 10.13.31\" style=\"width: 217px; height: 143px;\" \/> <\/a> <\/div> <\/div> <!-- close group --> <\/div> <!-- close row --> <div class=\"gallery-row\" style=\"width: 700px; height: 302px;\" data-original-width=\"700\" data-original-height=\"302\" > <div class=\"gallery-group images-2\" style=\"width: 233px; height: 302px;\" data-original-width=\"233\" data-original-height=\"302\" > <div class=\"tiled-gallery-item tiled-gallery-item-small\" itemprop=\"associatedMedia\" itemscope itemtype=\"http:\/\/schema.org\/ImageObject\"> <a href=\"https:\/\/itayachtscanada.com\/fr\/listing\/azimut-seadeck-6-2024-e2781050-euros-for-sale\/capture-decran-le-2024-11-17-a-10-06-30\/\" border=\"0\" itemprop=\"url\"> <meta itemprop=\"width\" content=\"229\"> <meta itemprop=\"height\" content=\"147\"> <img decoding=\"async\" class=\"\" data-attachment-id=\"186805\" data-orig-file=\"https:\/\/itayachtscanada.com\/wp-content\/uploads\/2024\/11\/Capture-decran-le-2024-11-17-a-10.06.30.jpg\" data-orig-size=\"1928,1232\" data-comments-opened=\"1\" data-image-meta=\"{&quot;aperture&quot;:&quot;0&quot;,&quot;credit&quot;:&quot;&quot;,&quot;camera&quot;:&quot;&quot;,&quot;caption&quot;:&quot;&quot;,&quot;created_timestamp&quot;:&quot;0&quot;,&quot;copyright&quot;:&quot;&quot;,&quot;focal_length&quot;:&quot;0&quot;,&quot;iso&quot;:&quot;0&quot;,&quot;shutter_speed&quot;:&quot;0&quot;,&quot;title&quot;:&quot;&quot;,&quot;orientation&quot;:&quot;0&quot;}\" data-image-title=\"Capture d\u2019e\u0301cran, le 2024-11-17 a\u0300 10.06.30\" data-image-description=\"\" data-medium-file=\"https:\/\/i0.wp.com\/itayachtscanada.com\/wp-content\/uploads\/2024\/11\/Capture-decran-le-2024-11-17-a-10.06.30.jpg?fit=300%2C192&#038;ssl=1\" data-large-file=\"https:\/\/i0.wp.com\/itayachtscanada.com\/wp-content\/uploads\/2024\/11\/Capture-decran-le-2024-11-17-a-10.06.30.jpg?fit=700%2C447&#038;ssl=1\" src=\"https:\/\/i0.wp.com\/itayachtscanada.com\/wp-content\/uploads\/2024\/11\/Capture-decran-le-2024-11-17-a-10.06.30.jpg?w=229&#038;h=147&#038;ssl=1\" srcset=\"https:\/\/i0.wp.com\/itayachtscanada.com\/wp-content\/uploads\/2024\/11\/Capture-decran-le-2024-11-17-a-10.06.30.jpg?w=1928&amp;ssl=1 1928w, https:\/\/i0.wp.com\/itayachtscanada.com\/wp-content\/uploads\/2024\/11\/Capture-decran-le-2024-11-17-a-10.06.30.jpg?resize=300%2C192&amp;ssl=1 300w, https:\/\/i0.wp.com\/itayachtscanada.com\/wp-content\/uploads\/2024\/11\/Capture-decran-le-2024-11-17-a-10.06.30.jpg?resize=1024%2C654&amp;ssl=1 1024w, https:\/\/i0.wp.com\/itayachtscanada.com\/wp-content\/uploads\/2024\/11\/Capture-decran-le-2024-11-17-a-10.06.30.jpg?resize=768%2C491&amp;ssl=1 768w, https:\/\/i0.wp.com\/itayachtscanada.com\/wp-content\/uploads\/2024\/11\/Capture-decran-le-2024-11-17-a-10.06.30.jpg?resize=1536%2C982&amp;ssl=1 1536w, https:\/\/i0.wp.com\/itayachtscanada.com\/wp-content\/uploads\/2024\/11\/Capture-decran-le-2024-11-17-a-10.06.30.jpg?resize=700%2C447&amp;ssl=1 700w, https:\/\/i0.wp.com\/itayachtscanada.com\/wp-content\/uploads\/2024\/11\/Capture-decran-le-2024-11-17-a-10.06.30.jpg?resize=626%2C400&amp;ssl=1 626w, https:\/\/i0.wp.com\/itayachtscanada.com\/wp-content\/uploads\/2024\/11\/Capture-decran-le-2024-11-17-a-10.06.30.jpg?w=1400&amp;ssl=1 1400w\" width=\"229\" height=\"147\" loading=\"lazy\" data-original-width=\"229\" data-original-height=\"147\" itemprop=\"http:\/\/schema.org\/image\" title=\"Capture d\u2019e\u0301cran, le 2024-11-17 a\u0300 10.06.30\" alt=\"Capture d\u2019e\u0301cran, le 2024-11-17 a\u0300 10.06.30\" style=\"width: 229px; height: 147px;\" \/> <\/a> <\/div> <div class=\"tiled-gallery-item tiled-gallery-item-small\" itemprop=\"associatedMedia\" itemscope itemtype=\"http:\/\/schema.org\/ImageObject\"> <a href=\"https:\/\/itayachtscanada.com\/fr\/listing\/azimut-seadeck-6-2024-e2781050-euros-for-sale\/capture-decran-le-2024-11-17-a-10-13-52\/\" border=\"0\" itemprop=\"url\"> <meta itemprop=\"width\" content=\"229\"> <meta itemprop=\"height\" content=\"147\"> <img decoding=\"async\" class=\"\" data-attachment-id=\"186791\" data-orig-file=\"https:\/\/itayachtscanada.com\/wp-content\/uploads\/2024\/11\/Capture-decran-le-2024-11-17-a-10.13.52.jpg\" data-orig-size=\"1944,1250\" data-comments-opened=\"1\" data-image-meta=\"{&quot;aperture&quot;:&quot;0&quot;,&quot;credit&quot;:&quot;&quot;,&quot;camera&quot;:&quot;&quot;,&quot;caption&quot;:&quot;&quot;,&quot;created_timestamp&quot;:&quot;0&quot;,&quot;copyright&quot;:&quot;&quot;,&quot;focal_length&quot;:&quot;0&quot;,&quot;iso&quot;:&quot;0&quot;,&quot;shutter_speed&quot;:&quot;0&quot;,&quot;title&quot;:&quot;&quot;,&quot;orientation&quot;:&quot;0&quot;}\" data-image-title=\"Capture d\u2019e\u0301cran, le 2024-11-17 a\u0300 10.13.52\" data-image-description=\"\" data-medium-file=\"https:\/\/i0.wp.com\/itayachtscanada.com\/wp-content\/uploads\/2024\/11\/Capture-decran-le-2024-11-17-a-10.13.52.jpg?fit=300%2C193&#038;ssl=1\" data-large-file=\"https:\/\/i0.wp.com\/itayachtscanada.com\/wp-content\/uploads\/2024\/11\/Capture-decran-le-2024-11-17-a-10.13.52.jpg?fit=700%2C450&#038;ssl=1\" src=\"https:\/\/i0.wp.com\/itayachtscanada.com\/wp-content\/uploads\/2024\/11\/Capture-decran-le-2024-11-17-a-10.13.52.jpg?w=229&#038;h=147&#038;ssl=1\" srcset=\"https:\/\/i0.wp.com\/itayachtscanada.com\/wp-content\/uploads\/2024\/11\/Capture-decran-le-2024-11-17-a-10.13.52.jpg?w=1944&amp;ssl=1 1944w, https:\/\/i0.wp.com\/itayachtscanada.com\/wp-content\/uploads\/2024\/11\/Capture-decran-le-2024-11-17-a-10.13.52.jpg?resize=300%2C193&amp;ssl=1 300w, https:\/\/i0.wp.com\/itayachtscanada.com\/wp-content\/uploads\/2024\/11\/Capture-decran-le-2024-11-17-a-10.13.52.jpg?resize=1024%2C658&amp;ssl=1 1024w, https:\/\/i0.wp.com\/itayachtscanada.com\/wp-content\/uploads\/2024\/11\/Capture-decran-le-2024-11-17-a-10.13.52.jpg?resize=768%2C494&amp;ssl=1 768w, https:\/\/i0.wp.com\/itayachtscanada.com\/wp-content\/uploads\/2024\/11\/Capture-decran-le-2024-11-17-a-10.13.52.jpg?resize=1536%2C988&amp;ssl=1 1536w, https:\/\/i0.wp.com\/itayachtscanada.com\/wp-content\/uploads\/2024\/11\/Capture-decran-le-2024-11-17-a-10.13.52.jpg?resize=700%2C450&amp;ssl=1 700w, https:\/\/i0.wp.com\/itayachtscanada.com\/wp-content\/uploads\/2024\/11\/Capture-decran-le-2024-11-17-a-10.13.52.jpg?resize=622%2C400&amp;ssl=1 622w, https:\/\/i0.wp.com\/itayachtscanada.com\/wp-content\/uploads\/2024\/11\/Capture-decran-le-2024-11-17-a-10.13.52.jpg?w=1400&amp;ssl=1 1400w\" width=\"229\" height=\"147\" loading=\"lazy\" data-original-width=\"229\" data-original-height=\"147\" itemprop=\"http:\/\/schema.org\/image\" title=\"Capture d\u2019e\u0301cran, le 2024-11-17 a\u0300 10.13.52\" alt=\"Capture d\u2019e\u0301cran, le 2024-11-17 a\u0300 10.13.52\" style=\"width: 229px; height: 147px;\" \/> <\/a> <\/div> <\/div> <!-- close group --> <div class=\"gallery-group images-1\" style=\"width: 467px; height: 302px;\" data-original-width=\"467\" data-original-height=\"302\" > <div class=\"tiled-gallery-item tiled-gallery-item-large\" itemprop=\"associatedMedia\" itemscope itemtype=\"http:\/\/schema.org\/ImageObject\"> <a href=\"https:\/\/itayachtscanada.com\/fr\/listing\/azimut-seadeck-6-2024-e2781050-euros-for-sale\/capture-decran-le-2024-11-17-a-10-10-37\/\" border=\"0\" itemprop=\"url\"> <meta itemprop=\"width\" content=\"463\"> <meta itemprop=\"height\" content=\"298\"> <img decoding=\"async\" class=\"\" data-attachment-id=\"186799\" data-orig-file=\"https:\/\/itayachtscanada.com\/wp-content\/uploads\/2024\/11\/Capture-decran-le-2024-11-17-a-10.10.37.jpg\" data-orig-size=\"1798,1158\" data-comments-opened=\"1\" data-image-meta=\"{&quot;aperture&quot;:&quot;0&quot;,&quot;credit&quot;:&quot;&quot;,&quot;camera&quot;:&quot;&quot;,&quot;caption&quot;:&quot;&quot;,&quot;created_timestamp&quot;:&quot;0&quot;,&quot;copyright&quot;:&quot;&quot;,&quot;focal_length&quot;:&quot;0&quot;,&quot;iso&quot;:&quot;0&quot;,&quot;shutter_speed&quot;:&quot;0&quot;,&quot;title&quot;:&quot;&quot;,&quot;orientation&quot;:&quot;0&quot;}\" data-image-title=\"Capture d\u2019e\u0301cran, le 2024-11-17 a\u0300 10.10.37\" data-image-description=\"\" data-medium-file=\"https:\/\/i0.wp.com\/itayachtscanada.com\/wp-content\/uploads\/2024\/11\/Capture-decran-le-2024-11-17-a-10.10.37.jpg?fit=300%2C193&#038;ssl=1\" data-large-file=\"https:\/\/i0.wp.com\/itayachtscanada.com\/wp-content\/uploads\/2024\/11\/Capture-decran-le-2024-11-17-a-10.10.37.jpg?fit=700%2C451&#038;ssl=1\" src=\"https:\/\/i0.wp.com\/itayachtscanada.com\/wp-content\/uploads\/2024\/11\/Capture-decran-le-2024-11-17-a-10.10.37.jpg?w=463&#038;h=298&#038;ssl=1\" srcset=\"https:\/\/i0.wp.com\/itayachtscanada.com\/wp-content\/uploads\/2024\/11\/Capture-decran-le-2024-11-17-a-10.10.37.jpg?w=1798&amp;ssl=1 1798w, https:\/\/i0.wp.com\/itayachtscanada.com\/wp-content\/uploads\/2024\/11\/Capture-decran-le-2024-11-17-a-10.10.37.jpg?resize=300%2C193&amp;ssl=1 300w, https:\/\/i0.wp.com\/itayachtscanada.com\/wp-content\/uploads\/2024\/11\/Capture-decran-le-2024-11-17-a-10.10.37.jpg?resize=1024%2C660&amp;ssl=1 1024w, https:\/\/i0.wp.com\/itayachtscanada.com\/wp-content\/uploads\/2024\/11\/Capture-decran-le-2024-11-17-a-10.10.37.jpg?resize=768%2C495&amp;ssl=1 768w, https:\/\/i0.wp.com\/itayachtscanada.com\/wp-content\/uploads\/2024\/11\/Capture-decran-le-2024-11-17-a-10.10.37.jpg?resize=1536%2C989&amp;ssl=1 1536w, https:\/\/i0.wp.com\/itayachtscanada.com\/wp-content\/uploads\/2024\/11\/Capture-decran-le-2024-11-17-a-10.10.37.jpg?resize=700%2C451&amp;ssl=1 700w, https:\/\/i0.wp.com\/itayachtscanada.com\/wp-content\/uploads\/2024\/11\/Capture-decran-le-2024-11-17-a-10.10.37.jpg?resize=621%2C400&amp;ssl=1 621w, https:\/\/i0.wp.com\/itayachtscanada.com\/wp-content\/uploads\/2024\/11\/Capture-decran-le-2024-11-17-a-10.10.37.jpg?w=1400&amp;ssl=1 1400w\" width=\"463\" height=\"298\" loading=\"lazy\" data-original-width=\"463\" data-original-height=\"298\" itemprop=\"http:\/\/schema.org\/image\" title=\"Capture d\u2019e\u0301cran, le 2024-11-17 a\u0300 10.10.37\" alt=\"Capture d\u2019e\u0301cran, le 2024-11-17 a\u0300 10.10.37\" style=\"width: 463px; height: 298px;\" \/> <\/a> <\/div> <\/div> <!-- close group --> <\/div> <!-- close row --> <div class=\"gallery-row\" style=\"width: 700px; height: 564px;\" data-original-width=\"700\" data-original-height=\"564\" > <div class=\"gallery-group images-3\" style=\"width: 278px; height: 564px;\" data-original-width=\"278\" data-original-height=\"564\" > <div class=\"tiled-gallery-item tiled-gallery-item-large\" itemprop=\"associatedMedia\" itemscope itemtype=\"http:\/\/schema.org\/ImageObject\"> <a href=\"https:\/\/itayachtscanada.com\/fr\/listing\/azimut-seadeck-6-2024-e2781050-euros-for-sale\/capture-decran-le-2024-11-17-a-10-04-39\/\" border=\"0\" itemprop=\"url\"> <meta itemprop=\"width\" content=\"274\"> <meta itemprop=\"height\" content=\"182\"> <img decoding=\"async\" class=\"\" data-attachment-id=\"186806\" data-orig-file=\"https:\/\/itayachtscanada.com\/wp-content\/uploads\/2024\/11\/Capture-decran-le-2024-11-17-a-10.04.39.jpg\" data-orig-size=\"1820,1210\" data-comments-opened=\"1\" data-image-meta=\"{&quot;aperture&quot;:&quot;0&quot;,&quot;credit&quot;:&quot;&quot;,&quot;camera&quot;:&quot;&quot;,&quot;caption&quot;:&quot;&quot;,&quot;created_timestamp&quot;:&quot;0&quot;,&quot;copyright&quot;:&quot;&quot;,&quot;focal_length&quot;:&quot;0&quot;,&quot;iso&quot;:&quot;0&quot;,&quot;shutter_speed&quot;:&quot;0&quot;,&quot;title&quot;:&quot;&quot;,&quot;orientation&quot;:&quot;0&quot;}\" data-image-title=\"Capture d\u2019e\u0301cran, le 2024-11-17 a\u0300 10.04.39\" data-image-description=\"\" data-medium-file=\"https:\/\/i0.wp.com\/itayachtscanada.com\/wp-content\/uploads\/2024\/11\/Capture-decran-le-2024-11-17-a-10.04.39.jpg?fit=300%2C199&#038;ssl=1\" data-large-file=\"https:\/\/i0.wp.com\/itayachtscanada.com\/wp-content\/uploads\/2024\/11\/Capture-decran-le-2024-11-17-a-10.04.39.jpg?fit=700%2C466&#038;ssl=1\" src=\"https:\/\/i0.wp.com\/itayachtscanada.com\/wp-content\/uploads\/2024\/11\/Capture-decran-le-2024-11-17-a-10.04.39.jpg?w=274&#038;h=182&#038;ssl=1\" srcset=\"https:\/\/i0.wp.com\/itayachtscanada.com\/wp-content\/uploads\/2024\/11\/Capture-decran-le-2024-11-17-a-10.04.39.jpg?w=1820&amp;ssl=1 1820w, https:\/\/i0.wp.com\/itayachtscanada.com\/wp-content\/uploads\/2024\/11\/Capture-decran-le-2024-11-17-a-10.04.39.jpg?resize=300%2C199&amp;ssl=1 300w, https:\/\/i0.wp.com\/itayachtscanada.com\/wp-content\/uploads\/2024\/11\/Capture-decran-le-2024-11-17-a-10.04.39.jpg?resize=1024%2C681&amp;ssl=1 1024w, https:\/\/i0.wp.com\/itayachtscanada.com\/wp-content\/uploads\/2024\/11\/Capture-decran-le-2024-11-17-a-10.04.39.jpg?resize=768%2C511&amp;ssl=1 768w, https:\/\/i0.wp.com\/itayachtscanada.com\/wp-content\/uploads\/2024\/11\/Capture-decran-le-2024-11-17-a-10.04.39.jpg?resize=1536%2C1021&amp;ssl=1 1536w, https:\/\/i0.wp.com\/itayachtscanada.com\/wp-content\/uploads\/2024\/11\/Capture-decran-le-2024-11-17-a-10.04.39.jpg?resize=700%2C465&amp;ssl=1 700w, https:\/\/i0.wp.com\/itayachtscanada.com\/wp-content\/uploads\/2024\/11\/Capture-decran-le-2024-11-17-a-10.04.39.jpg?resize=900%2C600&amp;ssl=1 900w, https:\/\/i0.wp.com\/itayachtscanada.com\/wp-content\/uploads\/2024\/11\/Capture-decran-le-2024-11-17-a-10.04.39.jpg?resize=602%2C400&amp;ssl=1 602w, https:\/\/i0.wp.com\/itayachtscanada.com\/wp-content\/uploads\/2024\/11\/Capture-decran-le-2024-11-17-a-10.04.39.jpg?w=1400&amp;ssl=1 1400w\" width=\"274\" height=\"182\" loading=\"lazy\" data-original-width=\"274\" data-original-height=\"182\" itemprop=\"http:\/\/schema.org\/image\" title=\"Capture d\u2019e\u0301cran, le 2024-11-17 a\u0300 10.04.39\" alt=\"Capture d\u2019e\u0301cran, le 2024-11-17 a\u0300 10.04.39\" style=\"width: 274px; height: 182px;\" \/> <\/a> <\/div> <div class=\"tiled-gallery-item tiled-gallery-item-large\" itemprop=\"associatedMedia\" itemscope itemtype=\"http:\/\/schema.org\/ImageObject\"> <a href=\"https:\/\/itayachtscanada.com\/fr\/listing\/azimut-seadeck-6-2024-e2781050-euros-for-sale\/capture-decran-le-2024-11-17-a-10-28-30\/\" border=\"0\" itemprop=\"url\"> <meta itemprop=\"width\" content=\"274\"> <meta itemprop=\"height\" content=\"204\"> <img decoding=\"async\" class=\"\" data-attachment-id=\"186825\" data-orig-file=\"https:\/\/itayachtscanada.com\/wp-content\/uploads\/2024\/11\/Capture-decran-le-2024-11-17-a-10.28.30.jpg\" data-orig-size=\"1874,1394\" data-comments-opened=\"1\" data-image-meta=\"{&quot;aperture&quot;:&quot;0&quot;,&quot;credit&quot;:&quot;&quot;,&quot;camera&quot;:&quot;&quot;,&quot;caption&quot;:&quot;&quot;,&quot;created_timestamp&quot;:&quot;0&quot;,&quot;copyright&quot;:&quot;&quot;,&quot;focal_length&quot;:&quot;0&quot;,&quot;iso&quot;:&quot;0&quot;,&quot;shutter_speed&quot;:&quot;0&quot;,&quot;title&quot;:&quot;&quot;,&quot;orientation&quot;:&quot;0&quot;}\" data-image-title=\"Capture d\u2019e\u0301cran, le 2024-11-17 a\u0300 10.28.30\" data-image-description=\"\" data-medium-file=\"https:\/\/i0.wp.com\/itayachtscanada.com\/wp-content\/uploads\/2024\/11\/Capture-decran-le-2024-11-17-a-10.28.30.jpg?fit=300%2C223&#038;ssl=1\" data-large-file=\"https:\/\/i0.wp.com\/itayachtscanada.com\/wp-content\/uploads\/2024\/11\/Capture-decran-le-2024-11-17-a-10.28.30.jpg?fit=700%2C521&#038;ssl=1\" src=\"https:\/\/i0.wp.com\/itayachtscanada.com\/wp-content\/uploads\/2024\/11\/Capture-decran-le-2024-11-17-a-10.28.30.jpg?w=274&#038;h=204&#038;ssl=1\" srcset=\"https:\/\/i0.wp.com\/itayachtscanada.com\/wp-content\/uploads\/2024\/11\/Capture-decran-le-2024-11-17-a-10.28.30.jpg?w=1874&amp;ssl=1 1874w, https:\/\/i0.wp.com\/itayachtscanada.com\/wp-content\/uploads\/2024\/11\/Capture-decran-le-2024-11-17-a-10.28.30.jpg?resize=300%2C223&amp;ssl=1 300w, https:\/\/i0.wp.com\/itayachtscanada.com\/wp-content\/uploads\/2024\/11\/Capture-decran-le-2024-11-17-a-10.28.30.jpg?resize=1024%2C762&amp;ssl=1 1024w, https:\/\/i0.wp.com\/itayachtscanada.com\/wp-content\/uploads\/2024\/11\/Capture-decran-le-2024-11-17-a-10.28.30.jpg?resize=768%2C571&amp;ssl=1 768w, https:\/\/i0.wp.com\/itayachtscanada.com\/wp-content\/uploads\/2024\/11\/Capture-decran-le-2024-11-17-a-10.28.30.jpg?resize=1536%2C1143&amp;ssl=1 1536w, https:\/\/i0.wp.com\/itayachtscanada.com\/wp-content\/uploads\/2024\/11\/Capture-decran-le-2024-11-17-a-10.28.30.jpg?resize=700%2C521&amp;ssl=1 700w, https:\/\/i0.wp.com\/itayachtscanada.com\/wp-content\/uploads\/2024\/11\/Capture-decran-le-2024-11-17-a-10.28.30.jpg?resize=538%2C400&amp;ssl=1 538w, https:\/\/i0.wp.com\/itayachtscanada.com\/wp-content\/uploads\/2024\/11\/Capture-decran-le-2024-11-17-a-10.28.30.jpg?w=1400&amp;ssl=1 1400w\" width=\"274\" height=\"204\" loading=\"lazy\" data-original-width=\"274\" data-original-height=\"204\" itemprop=\"http:\/\/schema.org\/image\" title=\"Capture d\u2019e\u0301cran, le 2024-11-17 a\u0300 10.28.30\" alt=\"Capture d\u2019e\u0301cran, le 2024-11-17 a\u0300 10.28.30\" style=\"width: 274px; height: 204px;\" \/> <\/a> <\/div> <div class=\"tiled-gallery-item tiled-gallery-item-large\" itemprop=\"associatedMedia\" itemscope itemtype=\"http:\/\/schema.org\/ImageObject\"> <a href=\"https:\/\/itayachtscanada.com\/fr\/listing\/azimut-seadeck-6-2024-e2781050-euros-for-sale\/capture-decran-le-2024-11-17-a-10-14-00\/\" border=\"0\" itemprop=\"url\"> <meta itemprop=\"width\" content=\"274\"> <meta itemprop=\"height\" content=\"166\"> <img decoding=\"async\" class=\"\" data-attachment-id=\"186790\" data-orig-file=\"https:\/\/itayachtscanada.com\/wp-content\/uploads\/2024\/11\/Capture-decran-le-2024-11-17-a-10.14.00.jpg\" data-orig-size=\"1944,1180\" data-comments-opened=\"1\" data-image-meta=\"{&quot;aperture&quot;:&quot;0&quot;,&quot;credit&quot;:&quot;&quot;,&quot;camera&quot;:&quot;&quot;,&quot;caption&quot;:&quot;&quot;,&quot;created_timestamp&quot;:&quot;0&quot;,&quot;copyright&quot;:&quot;&quot;,&quot;focal_length&quot;:&quot;0&quot;,&quot;iso&quot;:&quot;0&quot;,&quot;shutter_speed&quot;:&quot;0&quot;,&quot;title&quot;:&quot;&quot;,&quot;orientation&quot;:&quot;0&quot;}\" data-image-title=\"Capture d\u2019e\u0301cran, le 2024-11-17 a\u0300 10.14.00\" data-image-description=\"\" data-medium-file=\"https:\/\/i0.wp.com\/itayachtscanada.com\/wp-content\/uploads\/2024\/11\/Capture-decran-le-2024-11-17-a-10.14.00.jpg?fit=300%2C182&#038;ssl=1\" data-large-file=\"https:\/\/i0.wp.com\/itayachtscanada.com\/wp-content\/uploads\/2024\/11\/Capture-decran-le-2024-11-17-a-10.14.00.jpg?fit=700%2C425&#038;ssl=1\" src=\"https:\/\/i0.wp.com\/itayachtscanada.com\/wp-content\/uploads\/2024\/11\/Capture-decran-le-2024-11-17-a-10.14.00.jpg?w=274&#038;h=166&#038;ssl=1\" srcset=\"https:\/\/i0.wp.com\/itayachtscanada.com\/wp-content\/uploads\/2024\/11\/Capture-decran-le-2024-11-17-a-10.14.00.jpg?w=1944&amp;ssl=1 1944w, https:\/\/i0.wp.com\/itayachtscanada.com\/wp-content\/uploads\/2024\/11\/Capture-decran-le-2024-11-17-a-10.14.00.jpg?resize=300%2C182&amp;ssl=1 300w, https:\/\/i0.wp.com\/itayachtscanada.com\/wp-content\/uploads\/2024\/11\/Capture-decran-le-2024-11-17-a-10.14.00.jpg?resize=1024%2C622&amp;ssl=1 1024w, https:\/\/i0.wp.com\/itayachtscanada.com\/wp-content\/uploads\/2024\/11\/Capture-decran-le-2024-11-17-a-10.14.00.jpg?resize=768%2C466&amp;ssl=1 768w, https:\/\/i0.wp.com\/itayachtscanada.com\/wp-content\/uploads\/2024\/11\/Capture-decran-le-2024-11-17-a-10.14.00.jpg?resize=1536%2C932&amp;ssl=1 1536w, https:\/\/i0.wp.com\/itayachtscanada.com\/wp-content\/uploads\/2024\/11\/Capture-decran-le-2024-11-17-a-10.14.00.jpg?resize=700%2C425&amp;ssl=1 700w, https:\/\/i0.wp.com\/itayachtscanada.com\/wp-content\/uploads\/2024\/11\/Capture-decran-le-2024-11-17-a-10.14.00.jpg?resize=659%2C400&amp;ssl=1 659w, https:\/\/i0.wp.com\/itayachtscanada.com\/wp-content\/uploads\/2024\/11\/Capture-decran-le-2024-11-17-a-10.14.00.jpg?w=1400&amp;ssl=1 1400w\" width=\"274\" height=\"166\" loading=\"lazy\" data-original-width=\"274\" data-original-height=\"166\" itemprop=\"http:\/\/schema.org\/image\" title=\"Capture d\u2019e\u0301cran, le 2024-11-17 a\u0300 10.14.00\" alt=\"Capture d\u2019e\u0301cran, le 2024-11-17 a\u0300 10.14.00\" style=\"width: 274px; height: 166px;\" \/> <\/a> <\/div> <\/div> <!-- close group --> <div class=\"gallery-group images-1\" style=\"width: 422px; height: 564px;\" data-original-width=\"422\" data-original-height=\"564\" > <div class=\"tiled-gallery-item tiled-gallery-item-large\" itemprop=\"associatedMedia\" itemscope itemtype=\"http:\/\/schema.org\/ImageObject\"> <a href=\"https:\/\/itayachtscanada.com\/fr\/listing\/azimut-seadeck-6-2024-e2781050-euros-for-sale\/capture-decran-le-2024-11-17-a-10-28-19\/\" border=\"0\" itemprop=\"url\"> <meta itemprop=\"width\" content=\"418\"> <meta itemprop=\"height\" content=\"560\"> <img decoding=\"async\" class=\"\" data-attachment-id=\"186826\" data-orig-file=\"https:\/\/itayachtscanada.com\/wp-content\/uploads\/2024\/11\/Capture-decran-le-2024-11-17-a-10.28.19.jpg\" data-orig-size=\"1042,1394\" data-comments-opened=\"1\" data-image-meta=\"{&quot;aperture&quot;:&quot;0&quot;,&quot;credit&quot;:&quot;&quot;,&quot;camera&quot;:&quot;&quot;,&quot;caption&quot;:&quot;&quot;,&quot;created_timestamp&quot;:&quot;0&quot;,&quot;copyright&quot;:&quot;&quot;,&quot;focal_length&quot;:&quot;0&quot;,&quot;iso&quot;:&quot;0&quot;,&quot;shutter_speed&quot;:&quot;0&quot;,&quot;title&quot;:&quot;&quot;,&quot;orientation&quot;:&quot;0&quot;}\" data-image-title=\"Capture d\u2019e\u0301cran, le 2024-11-17 a\u0300 10.28.19\" data-image-description=\"\" data-medium-file=\"https:\/\/i0.wp.com\/itayachtscanada.com\/wp-content\/uploads\/2024\/11\/Capture-decran-le-2024-11-17-a-10.28.19.jpg?fit=224%2C300&#038;ssl=1\" data-large-file=\"https:\/\/i0.wp.com\/itayachtscanada.com\/wp-content\/uploads\/2024\/11\/Capture-decran-le-2024-11-17-a-10.28.19.jpg?fit=700%2C937&#038;ssl=1\" src=\"https:\/\/i0.wp.com\/itayachtscanada.com\/wp-content\/uploads\/2024\/11\/Capture-decran-le-2024-11-17-a-10.28.19.jpg?w=418&#038;h=560&#038;ssl=1\" srcset=\"https:\/\/i0.wp.com\/itayachtscanada.com\/wp-content\/uploads\/2024\/11\/Capture-decran-le-2024-11-17-a-10.28.19.jpg?w=1042&amp;ssl=1 1042w, https:\/\/i0.wp.com\/itayachtscanada.com\/wp-content\/uploads\/2024\/11\/Capture-decran-le-2024-11-17-a-10.28.19.jpg?resize=224%2C300&amp;ssl=1 224w, https:\/\/i0.wp.com\/itayachtscanada.com\/wp-content\/uploads\/2024\/11\/Capture-decran-le-2024-11-17-a-10.28.19.jpg?resize=765%2C1024&amp;ssl=1 765w, https:\/\/i0.wp.com\/itayachtscanada.com\/wp-content\/uploads\/2024\/11\/Capture-decran-le-2024-11-17-a-10.28.19.jpg?resize=768%2C1027&amp;ssl=1 768w, https:\/\/i0.wp.com\/itayachtscanada.com\/wp-content\/uploads\/2024\/11\/Capture-decran-le-2024-11-17-a-10.28.19.jpg?resize=700%2C936&amp;ssl=1 700w, https:\/\/i0.wp.com\/itayachtscanada.com\/wp-content\/uploads\/2024\/11\/Capture-decran-le-2024-11-17-a-10.28.19.jpg?resize=299%2C400&amp;ssl=1 299w\" width=\"418\" height=\"560\" loading=\"lazy\" data-original-width=\"418\" data-original-height=\"560\" itemprop=\"http:\/\/schema.org\/image\" title=\"Capture d\u2019e\u0301cran, le 2024-11-17 a\u0300 10.28.19\" alt=\"Capture d\u2019e\u0301cran, le 2024-11-17 a\u0300 10.28.19\" style=\"width: 418px; height: 560px;\" \/> <\/a> <\/div> <\/div> <!-- close group --> <\/div> <!-- close row --> <div class=\"gallery-row\" style=\"width: 700px; height: 174px;\" data-original-width=\"700\" data-original-height=\"174\" > <div class=\"gallery-group images-1\" style=\"width: 234px; height: 174px;\" data-original-width=\"234\" data-original-height=\"174\" > <div class=\"tiled-gallery-item tiled-gallery-item-small\" itemprop=\"associatedMedia\" itemscope itemtype=\"http:\/\/schema.org\/ImageObject\"> <a href=\"https:\/\/itayachtscanada.com\/fr\/listing\/azimut-seadeck-6-2024-e2781050-euros-for-sale\/capture-decran-le-2024-11-17-a-10-27-51\/\" border=\"0\" itemprop=\"url\"> <meta itemprop=\"width\" content=\"230\"> <meta itemprop=\"height\" content=\"170\"> <img decoding=\"async\" class=\"\" data-attachment-id=\"186830\" data-orig-file=\"https:\/\/itayachtscanada.com\/wp-content\/uploads\/2024\/11\/Capture-decran-le-2024-11-17-a-10.27.51.jpg\" data-orig-size=\"1880,1394\" data-comments-opened=\"1\" data-image-meta=\"{&quot;aperture&quot;:&quot;0&quot;,&quot;credit&quot;:&quot;&quot;,&quot;camera&quot;:&quot;&quot;,&quot;caption&quot;:&quot;&quot;,&quot;created_timestamp&quot;:&quot;0&quot;,&quot;copyright&quot;:&quot;&quot;,&quot;focal_length&quot;:&quot;0&quot;,&quot;iso&quot;:&quot;0&quot;,&quot;shutter_speed&quot;:&quot;0&quot;,&quot;title&quot;:&quot;&quot;,&quot;orientation&quot;:&quot;0&quot;}\" data-image-title=\"Capture d\u2019e\u0301cran, le 2024-11-17 a\u0300 10.27.51\" data-image-description=\"\" data-medium-file=\"https:\/\/i0.wp.com\/itayachtscanada.com\/wp-content\/uploads\/2024\/11\/Capture-decran-le-2024-11-17-a-10.27.51.jpg?fit=300%2C222&#038;ssl=1\" data-large-file=\"https:\/\/i0.wp.com\/itayachtscanada.com\/wp-content\/uploads\/2024\/11\/Capture-decran-le-2024-11-17-a-10.27.51.jpg?fit=700%2C519&#038;ssl=1\" src=\"https:\/\/i0.wp.com\/itayachtscanada.com\/wp-content\/uploads\/2024\/11\/Capture-decran-le-2024-11-17-a-10.27.51.jpg?w=230&#038;h=170&#038;ssl=1\" srcset=\"https:\/\/i0.wp.com\/itayachtscanada.com\/wp-content\/uploads\/2024\/11\/Capture-decran-le-2024-11-17-a-10.27.51.jpg?w=1880&amp;ssl=1 1880w, https:\/\/i0.wp.com\/itayachtscanada.com\/wp-content\/uploads\/2024\/11\/Capture-decran-le-2024-11-17-a-10.27.51.jpg?resize=300%2C222&amp;ssl=1 300w, https:\/\/i0.wp.com\/itayachtscanada.com\/wp-content\/uploads\/2024\/11\/Capture-decran-le-2024-11-17-a-10.27.51.jpg?resize=1024%2C759&amp;ssl=1 1024w, https:\/\/i0.wp.com\/itayachtscanada.com\/wp-content\/uploads\/2024\/11\/Capture-decran-le-2024-11-17-a-10.27.51.jpg?resize=768%2C569&amp;ssl=1 768w, https:\/\/i0.wp.com\/itayachtscanada.com\/wp-content\/uploads\/2024\/11\/Capture-decran-le-2024-11-17-a-10.27.51.jpg?resize=1536%2C1139&amp;ssl=1 1536w, https:\/\/i0.wp.com\/itayachtscanada.com\/wp-content\/uploads\/2024\/11\/Capture-decran-le-2024-11-17-a-10.27.51.jpg?resize=700%2C519&amp;ssl=1 700w, https:\/\/i0.wp.com\/itayachtscanada.com\/wp-content\/uploads\/2024\/11\/Capture-decran-le-2024-11-17-a-10.27.51.jpg?resize=539%2C400&amp;ssl=1 539w, https:\/\/i0.wp.com\/itayachtscanada.com\/wp-content\/uploads\/2024\/11\/Capture-decran-le-2024-11-17-a-10.27.51.jpg?w=1400&amp;ssl=1 1400w\" width=\"230\" height=\"170\" loading=\"lazy\" data-original-width=\"230\" data-original-height=\"170\" itemprop=\"http:\/\/schema.org\/image\" title=\"Capture d\u2019e\u0301cran, le 2024-11-17 a\u0300 10.27.51\" alt=\"Capture d\u2019e\u0301cran, le 2024-11-17 a\u0300 10.27.51\" style=\"width: 230px; height: 170px;\" \/> <\/a> <\/div> <\/div> <!-- close group --> <div class=\"gallery-group images-1\" style=\"width: 233px; height: 174px;\" data-original-width=\"233\" data-original-height=\"174\" > <div class=\"tiled-gallery-item tiled-gallery-item-small\" itemprop=\"associatedMedia\" itemscope itemtype=\"http:\/\/schema.org\/ImageObject\"> <a href=\"https:\/\/itayachtscanada.com\/fr\/listing\/azimut-seadeck-6-2024-e2781050-euros-for-sale\/capture-decran-le-2024-11-17-a-10-27-46\/\" border=\"0\" itemprop=\"url\"> <meta itemprop=\"width\" content=\"229\"> <meta itemprop=\"height\" content=\"170\"> <img decoding=\"async\" class=\"\" data-attachment-id=\"186831\" data-orig-file=\"https:\/\/itayachtscanada.com\/wp-content\/uploads\/2024\/11\/Capture-decran-le-2024-11-17-a-10.27.46.jpg\" data-orig-size=\"1880,1394\" data-comments-opened=\"1\" data-image-meta=\"{&quot;aperture&quot;:&quot;0&quot;,&quot;credit&quot;:&quot;&quot;,&quot;camera&quot;:&quot;&quot;,&quot;caption&quot;:&quot;&quot;,&quot;created_timestamp&quot;:&quot;0&quot;,&quot;copyright&quot;:&quot;&quot;,&quot;focal_length&quot;:&quot;0&quot;,&quot;iso&quot;:&quot;0&quot;,&quot;shutter_speed&quot;:&quot;0&quot;,&quot;title&quot;:&quot;&quot;,&quot;orientation&quot;:&quot;0&quot;}\" data-image-title=\"Capture d\u2019e\u0301cran, le 2024-11-17 a\u0300 10.27.46\" data-image-description=\"\" data-medium-file=\"https:\/\/i0.wp.com\/itayachtscanada.com\/wp-content\/uploads\/2024\/11\/Capture-decran-le-2024-11-17-a-10.27.46.jpg?fit=300%2C222&#038;ssl=1\" data-large-file=\"https:\/\/i0.wp.com\/itayachtscanada.com\/wp-content\/uploads\/2024\/11\/Capture-decran-le-2024-11-17-a-10.27.46.jpg?fit=700%2C519&#038;ssl=1\" src=\"https:\/\/i0.wp.com\/itayachtscanada.com\/wp-content\/uploads\/2024\/11\/Capture-decran-le-2024-11-17-a-10.27.46.jpg?w=229&#038;h=170&#038;ssl=1\" srcset=\"https:\/\/i0.wp.com\/itayachtscanada.com\/wp-content\/uploads\/2024\/11\/Capture-decran-le-2024-11-17-a-10.27.46.jpg?w=1880&amp;ssl=1 1880w, https:\/\/i0.wp.com\/itayachtscanada.com\/wp-content\/uploads\/2024\/11\/Capture-decran-le-2024-11-17-a-10.27.46.jpg?resize=300%2C222&amp;ssl=1 300w, https:\/\/i0.wp.com\/itayachtscanada.com\/wp-content\/uploads\/2024\/11\/Capture-decran-le-2024-11-17-a-10.27.46.jpg?resize=1024%2C759&amp;ssl=1 1024w, https:\/\/i0.wp.com\/itayachtscanada.com\/wp-content\/uploads\/2024\/11\/Capture-decran-le-2024-11-17-a-10.27.46.jpg?resize=768%2C569&amp;ssl=1 768w, https:\/\/i0.wp.com\/itayachtscanada.com\/wp-content\/uploads\/2024\/11\/Capture-decran-le-2024-11-17-a-10.27.46.jpg?resize=1536%2C1139&amp;ssl=1 1536w, https:\/\/i0.wp.com\/itayachtscanada.com\/wp-content\/uploads\/2024\/11\/Capture-decran-le-2024-11-17-a-10.27.46.jpg?resize=700%2C519&amp;ssl=1 700w, https:\/\/i0.wp.com\/itayachtscanada.com\/wp-content\/uploads\/2024\/11\/Capture-decran-le-2024-11-17-a-10.27.46.jpg?resize=539%2C400&amp;ssl=1 539w, https:\/\/i0.wp.com\/itayachtscanada.com\/wp-content\/uploads\/2024\/11\/Capture-decran-le-2024-11-17-a-10.27.46.jpg?w=1400&amp;ssl=1 1400w\" width=\"229\" height=\"170\" loading=\"lazy\" data-original-width=\"229\" data-original-height=\"170\" itemprop=\"http:\/\/schema.org\/image\" title=\"Capture d\u2019e\u0301cran, le 2024-11-17 a\u0300 10.27.46\" alt=\"Capture d\u2019e\u0301cran, le 2024-11-17 a\u0300 10.27.46\" style=\"width: 229px; height: 170px;\" \/> <\/a> <\/div> <\/div> <!-- close group --> <div class=\"gallery-group images-1\" style=\"width: 233px; height: 174px;\" data-original-width=\"233\" data-original-height=\"174\" > <div class=\"tiled-gallery-item tiled-gallery-item-small\" itemprop=\"associatedMedia\" itemscope itemtype=\"http:\/\/schema.org\/ImageObject\"> <a href=\"https:\/\/itayachtscanada.com\/fr\/listing\/azimut-seadeck-6-2024-e2781050-euros-for-sale\/capture-decran-le-2024-11-17-a-10-27-35\/\" border=\"0\" itemprop=\"url\"> <meta itemprop=\"width\" content=\"229\"> <meta itemprop=\"height\" content=\"170\"> <img decoding=\"async\" class=\"\" data-attachment-id=\"186832\" data-orig-file=\"https:\/\/itayachtscanada.com\/wp-content\/uploads\/2024\/11\/Capture-decran-le-2024-11-17-a-10.27.35.jpg\" data-orig-size=\"1880,1394\" data-comments-opened=\"1\" data-image-meta=\"{&quot;aperture&quot;:&quot;0&quot;,&quot;credit&quot;:&quot;&quot;,&quot;camera&quot;:&quot;&quot;,&quot;caption&quot;:&quot;&quot;,&quot;created_timestamp&quot;:&quot;0&quot;,&quot;copyright&quot;:&quot;&quot;,&quot;focal_length&quot;:&quot;0&quot;,&quot;iso&quot;:&quot;0&quot;,&quot;shutter_speed&quot;:&quot;0&quot;,&quot;title&quot;:&quot;&quot;,&quot;orientation&quot;:&quot;0&quot;}\" data-image-title=\"Capture d\u2019e\u0301cran, le 2024-11-17 a\u0300 10.27.35\" data-image-description=\"\" data-medium-file=\"https:\/\/i0.wp.com\/itayachtscanada.com\/wp-content\/uploads\/2024\/11\/Capture-decran-le-2024-11-17-a-10.27.35.jpg?fit=300%2C222&#038;ssl=1\" data-large-file=\"https:\/\/i0.wp.com\/itayachtscanada.com\/wp-content\/uploads\/2024\/11\/Capture-decran-le-2024-11-17-a-10.27.35.jpg?fit=700%2C519&#038;ssl=1\" src=\"https:\/\/i0.wp.com\/itayachtscanada.com\/wp-content\/uploads\/2024\/11\/Capture-decran-le-2024-11-17-a-10.27.35.jpg?w=229&#038;h=170&#038;ssl=1\" srcset=\"https:\/\/i0.wp.com\/itayachtscanada.com\/wp-content\/uploads\/2024\/11\/Capture-decran-le-2024-11-17-a-10.27.35.jpg?w=1880&amp;ssl=1 1880w, https:\/\/i0.wp.com\/itayachtscanada.com\/wp-content\/uploads\/2024\/11\/Capture-decran-le-2024-11-17-a-10.27.35.jpg?resize=300%2C222&amp;ssl=1 300w, https:\/\/i0.wp.com\/itayachtscanada.com\/wp-content\/uploads\/2024\/11\/Capture-decran-le-2024-11-17-a-10.27.35.jpg?resize=1024%2C759&amp;ssl=1 1024w, https:\/\/i0.wp.com\/itayachtscanada.com\/wp-content\/uploads\/2024\/11\/Capture-decran-le-2024-11-17-a-10.27.35.jpg?resize=768%2C569&amp;ssl=1 768w, https:\/\/i0.wp.com\/itayachtscanada.com\/wp-content\/uploads\/2024\/11\/Capture-decran-le-2024-11-17-a-10.27.35.jpg?resize=1536%2C1139&amp;ssl=1 1536w, https:\/\/i0.wp.com\/itayachtscanada.com\/wp-content\/uploads\/2024\/11\/Capture-decran-le-2024-11-17-a-10.27.35.jpg?resize=700%2C519&amp;ssl=1 700w, https:\/\/i0.wp.com\/itayachtscanada.com\/wp-content\/uploads\/2024\/11\/Capture-decran-le-2024-11-17-a-10.27.35.jpg?resize=539%2C400&amp;ssl=1 539w, https:\/\/i0.wp.com\/itayachtscanada.com\/wp-content\/uploads\/2024\/11\/Capture-decran-le-2024-11-17-a-10.27.35.jpg?w=1400&amp;ssl=1 1400w\" width=\"229\" height=\"170\" loading=\"lazy\" data-original-width=\"229\" data-original-height=\"170\" itemprop=\"http:\/\/schema.org\/image\" title=\"Capture d\u2019e\u0301cran, le 2024-11-17 a\u0300 10.27.35\" alt=\"Capture d\u2019e\u0301cran, le 2024-11-17 a\u0300 10.27.35\" style=\"width: 229px; height: 170px;\" \/> <\/a> <\/div> <\/div> <!-- close group --> <\/div> <!-- close row --> <div class=\"gallery-row\" style=\"width: 700px; height: 465px;\" data-original-width=\"700\" data-original-height=\"465\" > <div class=\"gallery-group images-1\" style=\"width: 351px; height: 465px;\" data-original-width=\"351\" data-original-height=\"465\" > <div class=\"tiled-gallery-item tiled-gallery-item-large\" itemprop=\"associatedMedia\" itemscope itemtype=\"http:\/\/schema.org\/ImageObject\"> <a href=\"https:\/\/itayachtscanada.com\/fr\/listing\/azimut-seadeck-6-2024-e2781050-euros-for-sale\/capture-decran-le-2024-11-17-a-10-27-57\/\" border=\"0\" itemprop=\"url\"> <meta itemprop=\"width\" content=\"347\"> <meta itemprop=\"height\" content=\"461\"> <img decoding=\"async\" class=\"\" data-attachment-id=\"186829\" data-orig-file=\"https:\/\/itayachtscanada.com\/wp-content\/uploads\/2024\/11\/Capture-decran-le-2024-11-17-a-10.27.57.jpg\" data-orig-size=\"1048,1394\" data-comments-opened=\"1\" data-image-meta=\"{&quot;aperture&quot;:&quot;0&quot;,&quot;credit&quot;:&quot;&quot;,&quot;camera&quot;:&quot;&quot;,&quot;caption&quot;:&quot;&quot;,&quot;created_timestamp&quot;:&quot;0&quot;,&quot;copyright&quot;:&quot;&quot;,&quot;focal_length&quot;:&quot;0&quot;,&quot;iso&quot;:&quot;0&quot;,&quot;shutter_speed&quot;:&quot;0&quot;,&quot;title&quot;:&quot;&quot;,&quot;orientation&quot;:&quot;0&quot;}\" data-image-title=\"Capture d\u2019e\u0301cran, le 2024-11-17 a\u0300 10.27.57\" data-image-description=\"\" data-medium-file=\"https:\/\/i0.wp.com\/itayachtscanada.com\/wp-content\/uploads\/2024\/11\/Capture-decran-le-2024-11-17-a-10.27.57.jpg?fit=226%2C300&#038;ssl=1\" data-large-file=\"https:\/\/i0.wp.com\/itayachtscanada.com\/wp-content\/uploads\/2024\/11\/Capture-decran-le-2024-11-17-a-10.27.57.jpg?fit=700%2C931&#038;ssl=1\" src=\"https:\/\/i0.wp.com\/itayachtscanada.com\/wp-content\/uploads\/2024\/11\/Capture-decran-le-2024-11-17-a-10.27.57.jpg?w=347&#038;h=461&#038;ssl=1\" srcset=\"https:\/\/i0.wp.com\/itayachtscanada.com\/wp-content\/uploads\/2024\/11\/Capture-decran-le-2024-11-17-a-10.27.57.jpg?w=1048&amp;ssl=1 1048w, https:\/\/i0.wp.com\/itayachtscanada.com\/wp-content\/uploads\/2024\/11\/Capture-decran-le-2024-11-17-a-10.27.57.jpg?resize=226%2C300&amp;ssl=1 226w, https:\/\/i0.wp.com\/itayachtscanada.com\/wp-content\/uploads\/2024\/11\/Capture-decran-le-2024-11-17-a-10.27.57.jpg?resize=770%2C1024&amp;ssl=1 770w, https:\/\/i0.wp.com\/itayachtscanada.com\/wp-content\/uploads\/2024\/11\/Capture-decran-le-2024-11-17-a-10.27.57.jpg?resize=768%2C1022&amp;ssl=1 768w, https:\/\/i0.wp.com\/itayachtscanada.com\/wp-content\/uploads\/2024\/11\/Capture-decran-le-2024-11-17-a-10.27.57.jpg?resize=700%2C931&amp;ssl=1 700w, https:\/\/i0.wp.com\/itayachtscanada.com\/wp-content\/uploads\/2024\/11\/Capture-decran-le-2024-11-17-a-10.27.57.jpg?resize=301%2C400&amp;ssl=1 301w\" width=\"347\" height=\"461\" loading=\"lazy\" data-original-width=\"347\" data-original-height=\"461\" itemprop=\"http:\/\/schema.org\/image\" title=\"Capture d\u2019e\u0301cran, le 2024-11-17 a\u0300 10.27.57\" alt=\"Capture d\u2019e\u0301cran, le 2024-11-17 a\u0300 10.27.57\" style=\"width: 347px; height: 461px;\" \/> <\/a> <\/div> <\/div> <!-- close group --> <div class=\"gallery-group images-1\" style=\"width: 349px; height: 465px;\" data-original-width=\"349\" data-original-height=\"465\" > <div class=\"tiled-gallery-item tiled-gallery-item-large\" itemprop=\"associatedMedia\" itemscope itemtype=\"http:\/\/schema.org\/ImageObject\"> <a href=\"https:\/\/itayachtscanada.com\/fr\/listing\/azimut-seadeck-6-2024-e2781050-euros-for-sale\/capture-decran-le-2024-11-17-a-10-27-26\/\" border=\"0\" itemprop=\"url\"> <meta itemprop=\"width\" content=\"345\"> <meta itemprop=\"height\" content=\"461\"> <img decoding=\"async\" class=\"\" data-attachment-id=\"186833\" data-orig-file=\"https:\/\/itayachtscanada.com\/wp-content\/uploads\/2024\/11\/Capture-decran-le-2024-11-17-a-10.27.26.jpg\" data-orig-size=\"1044,1394\" data-comments-opened=\"1\" data-image-meta=\"{&quot;aperture&quot;:&quot;0&quot;,&quot;credit&quot;:&quot;&quot;,&quot;camera&quot;:&quot;&quot;,&quot;caption&quot;:&quot;&quot;,&quot;created_timestamp&quot;:&quot;0&quot;,&quot;copyright&quot;:&quot;&quot;,&quot;focal_length&quot;:&quot;0&quot;,&quot;iso&quot;:&quot;0&quot;,&quot;shutter_speed&quot;:&quot;0&quot;,&quot;title&quot;:&quot;&quot;,&quot;orientation&quot;:&quot;0&quot;}\" data-image-title=\"Capture d\u2019e\u0301cran, le 2024-11-17 a\u0300 10.27.26\" data-image-description=\"\" data-medium-file=\"https:\/\/i0.wp.com\/itayachtscanada.com\/wp-content\/uploads\/2024\/11\/Capture-decran-le-2024-11-17-a-10.27.26.jpg?fit=225%2C300&#038;ssl=1\" data-large-file=\"https:\/\/i0.wp.com\/itayachtscanada.com\/wp-content\/uploads\/2024\/11\/Capture-decran-le-2024-11-17-a-10.27.26.jpg?fit=700%2C935&#038;ssl=1\" src=\"https:\/\/i0.wp.com\/itayachtscanada.com\/wp-content\/uploads\/2024\/11\/Capture-decran-le-2024-11-17-a-10.27.26.jpg?w=345&#038;h=461&#038;ssl=1\" srcset=\"https:\/\/i0.wp.com\/itayachtscanada.com\/wp-content\/uploads\/2024\/11\/Capture-decran-le-2024-11-17-a-10.27.26.jpg?w=1044&amp;ssl=1 1044w, https:\/\/i0.wp.com\/itayachtscanada.com\/wp-content\/uploads\/2024\/11\/Capture-decran-le-2024-11-17-a-10.27.26.jpg?resize=225%2C300&amp;ssl=1 225w, https:\/\/i0.wp.com\/itayachtscanada.com\/wp-content\/uploads\/2024\/11\/Capture-decran-le-2024-11-17-a-10.27.26.jpg?resize=767%2C1024&amp;ssl=1 767w, https:\/\/i0.wp.com\/itayachtscanada.com\/wp-content\/uploads\/2024\/11\/Capture-decran-le-2024-11-17-a-10.27.26.jpg?resize=768%2C1025&amp;ssl=1 768w, https:\/\/i0.wp.com\/itayachtscanada.com\/wp-content\/uploads\/2024\/11\/Capture-decran-le-2024-11-17-a-10.27.26.jpg?resize=700%2C935&amp;ssl=1 700w, https:\/\/i0.wp.com\/itayachtscanada.com\/wp-content\/uploads\/2024\/11\/Capture-decran-le-2024-11-17-a-10.27.26.jpg?resize=300%2C400&amp;ssl=1 300w\" width=\"345\" height=\"461\" loading=\"lazy\" data-original-width=\"345\" data-original-height=\"461\" itemprop=\"http:\/\/schema.org\/image\" title=\"Capture d\u2019e\u0301cran, le 2024-11-17 a\u0300 10.27.26\" alt=\"Capture d\u2019e\u0301cran, le 2024-11-17 a\u0300 10.27.26\" style=\"width: 345px; height: 461px;\" \/> <\/a> <\/div> <\/div> <!-- close group --> <\/div> <!-- close row --> <div class=\"gallery-row\" style=\"width: 700px; height: 336px;\" data-original-width=\"700\" data-original-height=\"336\" > <div class=\"gallery-group images-1\" style=\"width: 446px; height: 336px;\" data-original-width=\"446\" data-original-height=\"336\" > <div class=\"tiled-gallery-item tiled-gallery-item-large\" itemprop=\"associatedMedia\" itemscope itemtype=\"http:\/\/schema.org\/ImageObject\"> <a href=\"https:\/\/itayachtscanada.com\/fr\/listing\/azimut-seadeck-6-2024-e2781050-euros-for-sale\/capture-decran-le-2024-11-17-a-10-28-11\/\" border=\"0\" itemprop=\"url\"> <meta itemprop=\"width\" content=\"442\"> <meta itemprop=\"height\" content=\"332\"> <img decoding=\"async\" class=\"\" data-attachment-id=\"186827\" data-orig-file=\"https:\/\/itayachtscanada.com\/wp-content\/uploads\/2024\/11\/Capture-decran-le-2024-11-17-a-10.28.11.jpg\" data-orig-size=\"1856,1394\" data-comments-opened=\"1\" data-image-meta=\"{&quot;aperture&quot;:&quot;0&quot;,&quot;credit&quot;:&quot;&quot;,&quot;camera&quot;:&quot;&quot;,&quot;caption&quot;:&quot;&quot;,&quot;created_timestamp&quot;:&quot;0&quot;,&quot;copyright&quot;:&quot;&quot;,&quot;focal_length&quot;:&quot;0&quot;,&quot;iso&quot;:&quot;0&quot;,&quot;shutter_speed&quot;:&quot;0&quot;,&quot;title&quot;:&quot;&quot;,&quot;orientation&quot;:&quot;0&quot;}\" data-image-title=\"Capture d\u2019e\u0301cran, le 2024-11-17 a\u0300 10.28.11\" data-image-description=\"\" data-medium-file=\"https:\/\/i0.wp.com\/itayachtscanada.com\/wp-content\/uploads\/2024\/11\/Capture-decran-le-2024-11-17-a-10.28.11.jpg?fit=300%2C225&#038;ssl=1\" data-large-file=\"https:\/\/i0.wp.com\/itayachtscanada.com\/wp-content\/uploads\/2024\/11\/Capture-decran-le-2024-11-17-a-10.28.11.jpg?fit=700%2C526&#038;ssl=1\" src=\"https:\/\/i0.wp.com\/itayachtscanada.com\/wp-content\/uploads\/2024\/11\/Capture-decran-le-2024-11-17-a-10.28.11.jpg?w=442&#038;h=332&#038;ssl=1\" srcset=\"https:\/\/i0.wp.com\/itayachtscanada.com\/wp-content\/uploads\/2024\/11\/Capture-decran-le-2024-11-17-a-10.28.11.jpg?w=1856&amp;ssl=1 1856w, https:\/\/i0.wp.com\/itayachtscanada.com\/wp-content\/uploads\/2024\/11\/Capture-decran-le-2024-11-17-a-10.28.11.jpg?resize=300%2C225&amp;ssl=1 300w, https:\/\/i0.wp.com\/itayachtscanada.com\/wp-content\/uploads\/2024\/11\/Capture-decran-le-2024-11-17-a-10.28.11.jpg?resize=1024%2C769&amp;ssl=1 1024w, https:\/\/i0.wp.com\/itayachtscanada.com\/wp-content\/uploads\/2024\/11\/Capture-decran-le-2024-11-17-a-10.28.11.jpg?resize=768%2C577&amp;ssl=1 768w, https:\/\/i0.wp.com\/itayachtscanada.com\/wp-content\/uploads\/2024\/11\/Capture-decran-le-2024-11-17-a-10.28.11.jpg?resize=1536%2C1154&amp;ssl=1 1536w, https:\/\/i0.wp.com\/itayachtscanada.com\/wp-content\/uploads\/2024\/11\/Capture-decran-le-2024-11-17-a-10.28.11.jpg?resize=700%2C526&amp;ssl=1 700w, https:\/\/i0.wp.com\/itayachtscanada.com\/wp-content\/uploads\/2024\/11\/Capture-decran-le-2024-11-17-a-10.28.11.jpg?resize=533%2C400&amp;ssl=1 533w, https:\/\/i0.wp.com\/itayachtscanada.com\/wp-content\/uploads\/2024\/11\/Capture-decran-le-2024-11-17-a-10.28.11.jpg?w=1400&amp;ssl=1 1400w\" width=\"442\" height=\"332\" loading=\"lazy\" data-original-width=\"442\" data-original-height=\"332\" itemprop=\"http:\/\/schema.org\/image\" title=\"Capture d\u2019e\u0301cran, le 2024-11-17 a\u0300 10.28.11\" alt=\"Capture d\u2019e\u0301cran, le 2024-11-17 a\u0300 10.28.11\" style=\"width: 442px; height: 332px;\" \/> <\/a> <\/div> <\/div> <!-- close group --> <div class=\"gallery-group images-1\" style=\"width: 254px; height: 336px;\" data-original-width=\"254\" data-original-height=\"336\" > <div class=\"tiled-gallery-item tiled-gallery-item-large\" itemprop=\"associatedMedia\" itemscope itemtype=\"http:\/\/schema.org\/ImageObject\"> <a href=\"https:\/\/itayachtscanada.com\/fr\/listing\/azimut-seadeck-6-2024-e2781050-euros-for-sale\/capture-decran-le-2024-11-17-a-10-28-06\/\" border=\"0\" itemprop=\"url\"> <meta itemprop=\"width\" content=\"250\"> <meta itemprop=\"height\" content=\"332\"> <img decoding=\"async\" class=\"\" data-attachment-id=\"186828\" data-orig-file=\"https:\/\/itayachtscanada.com\/wp-content\/uploads\/2024\/11\/Capture-decran-le-2024-11-17-a-10.28.06.jpg\" data-orig-size=\"1048,1394\" data-comments-opened=\"1\" data-image-meta=\"{&quot;aperture&quot;:&quot;0&quot;,&quot;credit&quot;:&quot;&quot;,&quot;camera&quot;:&quot;&quot;,&quot;caption&quot;:&quot;&quot;,&quot;created_timestamp&quot;:&quot;0&quot;,&quot;copyright&quot;:&quot;&quot;,&quot;focal_length&quot;:&quot;0&quot;,&quot;iso&quot;:&quot;0&quot;,&quot;shutter_speed&quot;:&quot;0&quot;,&quot;title&quot;:&quot;&quot;,&quot;orientation&quot;:&quot;0&quot;}\" data-image-title=\"Capture d\u2019e\u0301cran, le 2024-11-17 a\u0300 10.28.06\" data-image-description=\"\" data-medium-file=\"https:\/\/i0.wp.com\/itayachtscanada.com\/wp-content\/uploads\/2024\/11\/Capture-decran-le-2024-11-17-a-10.28.06.jpg?fit=226%2C300&#038;ssl=1\" data-large-file=\"https:\/\/i0.wp.com\/itayachtscanada.com\/wp-content\/uploads\/2024\/11\/Capture-decran-le-2024-11-17-a-10.28.06.jpg?fit=700%2C931&#038;ssl=1\" src=\"https:\/\/i0.wp.com\/itayachtscanada.com\/wp-content\/uploads\/2024\/11\/Capture-decran-le-2024-11-17-a-10.28.06.jpg?w=250&#038;h=332&#038;ssl=1\" srcset=\"https:\/\/i0.wp.com\/itayachtscanada.com\/wp-content\/uploads\/2024\/11\/Capture-decran-le-2024-11-17-a-10.28.06.jpg?w=1048&amp;ssl=1 1048w, https:\/\/i0.wp.com\/itayachtscanada.com\/wp-content\/uploads\/2024\/11\/Capture-decran-le-2024-11-17-a-10.28.06.jpg?resize=226%2C300&amp;ssl=1 226w, https:\/\/i0.wp.com\/itayachtscanada.com\/wp-content\/uploads\/2024\/11\/Capture-decran-le-2024-11-17-a-10.28.06.jpg?resize=770%2C1024&amp;ssl=1 770w, https:\/\/i0.wp.com\/itayachtscanada.com\/wp-content\/uploads\/2024\/11\/Capture-decran-le-2024-11-17-a-10.28.06.jpg?resize=768%2C1022&amp;ssl=1 768w, https:\/\/i0.wp.com\/itayachtscanada.com\/wp-content\/uploads\/2024\/11\/Capture-decran-le-2024-11-17-a-10.28.06.jpg?resize=700%2C931&amp;ssl=1 700w, https:\/\/i0.wp.com\/itayachtscanada.com\/wp-content\/uploads\/2024\/11\/Capture-decran-le-2024-11-17-a-10.28.06.jpg?resize=301%2C400&amp;ssl=1 301w\" width=\"250\" height=\"332\" loading=\"lazy\" data-original-width=\"250\" data-original-height=\"332\" itemprop=\"http:\/\/schema.org\/image\" title=\"Capture d\u2019e\u0301cran, le 2024-11-17 a\u0300 10.28.06\" alt=\"Capture d\u2019e\u0301cran, le 2024-11-17 a\u0300 10.28.06\" style=\"width: 250px; height: 332px;\" \/> <\/a> <\/div> <\/div> <!-- close group --> <\/div> <!-- close row --> <div class=\"gallery-row\" style=\"width: 700px; height: 259px;\" data-original-width=\"700\" data-original-height=\"259\" > <div class=\"gallery-group images-1\" style=\"width: 468px; height: 259px;\" data-original-width=\"468\" data-original-height=\"259\" > <div class=\"tiled-gallery-item tiled-gallery-item-large\" itemprop=\"associatedMedia\" itemscope itemtype=\"http:\/\/schema.org\/ImageObject\"> <a href=\"https:\/\/itayachtscanada.com\/fr\/listing\/azimut-seadeck-6-2024-e2781050-euros-for-sale\/capture-decran-le-2024-11-17-a-10-07-39\/\" border=\"0\" itemprop=\"url\"> <meta itemprop=\"width\" content=\"464\"> <meta itemprop=\"height\" content=\"255\"> <img decoding=\"async\" class=\"\" data-attachment-id=\"186803\" data-orig-file=\"https:\/\/itayachtscanada.com\/wp-content\/uploads\/2024\/11\/Capture-decran-le-2024-11-17-a-10.07.39.jpg\" data-orig-size=\"1406,772\" data-comments-opened=\"1\" data-image-meta=\"{&quot;aperture&quot;:&quot;0&quot;,&quot;credit&quot;:&quot;&quot;,&quot;camera&quot;:&quot;&quot;,&quot;caption&quot;:&quot;&quot;,&quot;created_timestamp&quot;:&quot;0&quot;,&quot;copyright&quot;:&quot;&quot;,&quot;focal_length&quot;:&quot;0&quot;,&quot;iso&quot;:&quot;0&quot;,&quot;shutter_speed&quot;:&quot;0&quot;,&quot;title&quot;:&quot;&quot;,&quot;orientation&quot;:&quot;0&quot;}\" data-image-title=\"Capture d\u2019e\u0301cran, le 2024-11-17 a\u0300 10.07.39\" data-image-description=\"\" data-medium-file=\"https:\/\/i0.wp.com\/itayachtscanada.com\/wp-content\/uploads\/2024\/11\/Capture-decran-le-2024-11-17-a-10.07.39.jpg?fit=300%2C165&#038;ssl=1\" data-large-file=\"https:\/\/i0.wp.com\/itayachtscanada.com\/wp-content\/uploads\/2024\/11\/Capture-decran-le-2024-11-17-a-10.07.39.jpg?fit=700%2C384&#038;ssl=1\" src=\"https:\/\/i0.wp.com\/itayachtscanada.com\/wp-content\/uploads\/2024\/11\/Capture-decran-le-2024-11-17-a-10.07.39.jpg?w=464&#038;h=255&#038;ssl=1\" srcset=\"https:\/\/i0.wp.com\/itayachtscanada.com\/wp-content\/uploads\/2024\/11\/Capture-decran-le-2024-11-17-a-10.07.39.jpg?w=1406&amp;ssl=1 1406w, https:\/\/i0.wp.com\/itayachtscanada.com\/wp-content\/uploads\/2024\/11\/Capture-decran-le-2024-11-17-a-10.07.39.jpg?resize=300%2C165&amp;ssl=1 300w, https:\/\/i0.wp.com\/itayachtscanada.com\/wp-content\/uploads\/2024\/11\/Capture-decran-le-2024-11-17-a-10.07.39.jpg?resize=1024%2C562&amp;ssl=1 1024w, https:\/\/i0.wp.com\/itayachtscanada.com\/wp-content\/uploads\/2024\/11\/Capture-decran-le-2024-11-17-a-10.07.39.jpg?resize=768%2C422&amp;ssl=1 768w, https:\/\/i0.wp.com\/itayachtscanada.com\/wp-content\/uploads\/2024\/11\/Capture-decran-le-2024-11-17-a-10.07.39.jpg?resize=700%2C384&amp;ssl=1 700w, https:\/\/i0.wp.com\/itayachtscanada.com\/wp-content\/uploads\/2024\/11\/Capture-decran-le-2024-11-17-a-10.07.39.jpg?resize=728%2C400&amp;ssl=1 728w\" width=\"464\" height=\"255\" loading=\"lazy\" data-original-width=\"464\" data-original-height=\"255\" itemprop=\"http:\/\/schema.org\/image\" title=\"Capture d\u2019e\u0301cran, le 2024-11-17 a\u0300 10.07.39\" alt=\"Capture d\u2019e\u0301cran, le 2024-11-17 a\u0300 10.07.39\" style=\"width: 464px; height: 255px;\" \/> <\/a> <\/div> <\/div> <!-- close group --> <div class=\"gallery-group images-1\" style=\"width: 232px; height: 259px;\" data-original-width=\"232\" data-original-height=\"259\" > <div class=\"tiled-gallery-item tiled-gallery-item-small\" itemprop=\"associatedMedia\" itemscope itemtype=\"http:\/\/schema.org\/ImageObject\"> <a href=\"https:\/\/itayachtscanada.com\/fr\/listing\/azimut-seadeck-6-2024-e2781050-euros-for-sale\/layout-azimut-seadeck-6\/\" border=\"0\" itemprop=\"url\"> <meta itemprop=\"width\" content=\"228\"> <meta itemprop=\"height\" content=\"255\"> <img decoding=\"async\" class=\"\" data-attachment-id=\"186822\" data-orig-file=\"https:\/\/itayachtscanada.com\/wp-content\/uploads\/2024\/11\/Layout-Azimut-Seadeck-6.jpg\" data-orig-size=\"978,1090\" data-comments-opened=\"1\" data-image-meta=\"{&quot;aperture&quot;:&quot;0&quot;,&quot;credit&quot;:&quot;&quot;,&quot;camera&quot;:&quot;&quot;,&quot;caption&quot;:&quot;&quot;,&quot;created_timestamp&quot;:&quot;0&quot;,&quot;copyright&quot;:&quot;&quot;,&quot;focal_length&quot;:&quot;0&quot;,&quot;iso&quot;:&quot;0&quot;,&quot;shutter_speed&quot;:&quot;0&quot;,&quot;title&quot;:&quot;&quot;,&quot;orientation&quot;:&quot;0&quot;}\" data-image-title=\"Layout Azimut Seadeck 6\" data-image-description=\"\" data-medium-file=\"https:\/\/i0.wp.com\/itayachtscanada.com\/wp-content\/uploads\/2024\/11\/Layout-Azimut-Seadeck-6.jpg?fit=269%2C300&#038;ssl=1\" data-large-file=\"https:\/\/i0.wp.com\/itayachtscanada.com\/wp-content\/uploads\/2024\/11\/Layout-Azimut-Seadeck-6.jpg?fit=700%2C780&#038;ssl=1\" src=\"https:\/\/i0.wp.com\/itayachtscanada.com\/wp-content\/uploads\/2024\/11\/Layout-Azimut-Seadeck-6.jpg?w=228&#038;h=255&#038;ssl=1\" srcset=\"https:\/\/i0.wp.com\/itayachtscanada.com\/wp-content\/uploads\/2024\/11\/Layout-Azimut-Seadeck-6.jpg?w=978&amp;ssl=1 978w, https:\/\/i0.wp.com\/itayachtscanada.com\/wp-content\/uploads\/2024\/11\/Layout-Azimut-Seadeck-6.jpg?resize=269%2C300&amp;ssl=1 269w, https:\/\/i0.wp.com\/itayachtscanada.com\/wp-content\/uploads\/2024\/11\/Layout-Azimut-Seadeck-6.jpg?resize=919%2C1024&amp;ssl=1 919w, https:\/\/i0.wp.com\/itayachtscanada.com\/wp-content\/uploads\/2024\/11\/Layout-Azimut-Seadeck-6.jpg?resize=768%2C856&amp;ssl=1 768w, https:\/\/i0.wp.com\/itayachtscanada.com\/wp-content\/uploads\/2024\/11\/Layout-Azimut-Seadeck-6.jpg?resize=700%2C780&amp;ssl=1 700w, https:\/\/i0.wp.com\/itayachtscanada.com\/wp-content\/uploads\/2024\/11\/Layout-Azimut-Seadeck-6.jpg?resize=359%2C400&amp;ssl=1 359w\" width=\"228\" height=\"255\" loading=\"lazy\" data-original-width=\"228\" data-original-height=\"255\" itemprop=\"http:\/\/schema.org\/image\" title=\"Layout Azimut Seadeck 6\" alt=\"layout Azimut Seadeck 6\" style=\"width: 228px; height: 255px;\" \/> <\/a> <div class=\"tiled-gallery-caption\" itemprop=\"caption description\"> layout Azimut Seadeck 6 <\/div> <\/div> <\/div> <!-- close group --> <\/div> <!-- close row --> <div class=\"gallery-row\" style=\"width: 700px; height: 320px;\" data-original-width=\"700\" data-original-height=\"320\" > <div class=\"gallery-group images-1\" style=\"width: 700px; height: 320px;\" data-original-width=\"700\" data-original-height=\"320\" > <div class=\"tiled-gallery-item tiled-gallery-item-large\" itemprop=\"associatedMedia\" itemscope itemtype=\"http:\/\/schema.org\/ImageObject\"> <a href=\"https:\/\/itayachtscanada.com\/fr\/listing\/azimut-seadeck-6-2024-e2781050-euros-for-sale\/capture-decran-le-2024-11-17-a-10-19-21\/\" border=\"0\" itemprop=\"url\"> <meta itemprop=\"width\" content=\"696\"> <meta itemprop=\"height\" content=\"316\"> <img decoding=\"async\" class=\"\" data-attachment-id=\"186787\" data-orig-file=\"https:\/\/itayachtscanada.com\/wp-content\/uploads\/2024\/11\/Capture-decran-le-2024-11-17-a-10.19.21.jpg\" data-orig-size=\"1958,888\" data-comments-opened=\"1\" data-image-meta=\"{&quot;aperture&quot;:&quot;0&quot;,&quot;credit&quot;:&quot;&quot;,&quot;camera&quot;:&quot;&quot;,&quot;caption&quot;:&quot;&quot;,&quot;created_timestamp&quot;:&quot;0&quot;,&quot;copyright&quot;:&quot;&quot;,&quot;focal_length&quot;:&quot;0&quot;,&quot;iso&quot;:&quot;0&quot;,&quot;shutter_speed&quot;:&quot;0&quot;,&quot;title&quot;:&quot;&quot;,&quot;orientation&quot;:&quot;0&quot;}\" data-image-title=\"Capture d\u2019e\u0301cran, le 2024-11-17 a\u0300 10.19.21\" data-image-description=\"\" data-medium-file=\"https:\/\/i0.wp.com\/itayachtscanada.com\/wp-content\/uploads\/2024\/11\/Capture-decran-le-2024-11-17-a-10.19.21.jpg?fit=300%2C136&#038;ssl=1\" data-large-file=\"https:\/\/i0.wp.com\/itayachtscanada.com\/wp-content\/uploads\/2024\/11\/Capture-decran-le-2024-11-17-a-10.19.21.jpg?fit=700%2C317&#038;ssl=1\" src=\"https:\/\/i0.wp.com\/itayachtscanada.com\/wp-content\/uploads\/2024\/11\/Capture-decran-le-2024-11-17-a-10.19.21.jpg?w=696&#038;h=316&#038;ssl=1\" srcset=\"https:\/\/i0.wp.com\/itayachtscanada.com\/wp-content\/uploads\/2024\/11\/Capture-decran-le-2024-11-17-a-10.19.21.jpg?w=1958&amp;ssl=1 1958w, https:\/\/i0.wp.com\/itayachtscanada.com\/wp-content\/uploads\/2024\/11\/Capture-decran-le-2024-11-17-a-10.19.21.jpg?resize=300%2C136&amp;ssl=1 300w, https:\/\/i0.wp.com\/itayachtscanada.com\/wp-content\/uploads\/2024\/11\/Capture-decran-le-2024-11-17-a-10.19.21.jpg?resize=1024%2C464&amp;ssl=1 1024w, https:\/\/i0.wp.com\/itayachtscanada.com\/wp-content\/uploads\/2024\/11\/Capture-decran-le-2024-11-17-a-10.19.21.jpg?resize=768%2C348&amp;ssl=1 768w, https:\/\/i0.wp.com\/itayachtscanada.com\/wp-content\/uploads\/2024\/11\/Capture-decran-le-2024-11-17-a-10.19.21.jpg?resize=1536%2C697&amp;ssl=1 1536w, https:\/\/i0.wp.com\/itayachtscanada.com\/wp-content\/uploads\/2024\/11\/Capture-decran-le-2024-11-17-a-10.19.21.jpg?resize=700%2C317&amp;ssl=1 700w, https:\/\/i0.wp.com\/itayachtscanada.com\/wp-content\/uploads\/2024\/11\/Capture-decran-le-2024-11-17-a-10.19.21.jpg?resize=882%2C400&amp;ssl=1 882w, https:\/\/i0.wp.com\/itayachtscanada.com\/wp-content\/uploads\/2024\/11\/Capture-decran-le-2024-11-17-a-10.19.21.jpg?w=1400&amp;ssl=1 1400w\" width=\"696\" height=\"316\" loading=\"lazy\" data-original-width=\"696\" data-original-height=\"316\" itemprop=\"http:\/\/schema.org\/image\" title=\"Capture d\u2019e\u0301cran, le 2024-11-17 a\u0300 10.19.21\" alt=\"Performance Azimut Seadeck 6\" style=\"width: 696px; height: 316px;\" \/> <\/a> <div class=\"tiled-gallery-caption\" itemprop=\"caption description\"> Performance Azimut Seadeck 6 <\/div> <\/div> <\/div> <!-- close group --> <\/div> <!-- close row --> <\/div>\n<p>&nbsp;<\/p>\n<p>&nbsp;<\/p>\n<div class=\"jetpack-video-wrapper\"><span class=\"embed-youtube\" style=\"text-align:center; display: block;\"><iframe loading=\"lazy\" class=\"youtube-player\" width=\"700\" height=\"394\" src=\"https:\/\/www.youtube.com\/embed\/RrivdjELenI?version=3&#038;rel=1&#038;showsearch=0&#038;showinfo=1&#038;iv_load_policy=1&#038;fs=1&#038;hl=fr-FR&#038;autohide=2&#038;wmode=transparent\" allowfullscreen=\"true\" style=\"border:0;\" sandbox=\"allow-scripts allow-same-origin allow-popups allow-presentation allow-popups-to-escape-sandbox\"><\/iframe><\/span><\/div>\n<div class=\"jetpack-video-wrapper\"><span class=\"embed-youtube\" style=\"text-align:center; display: block;\"><iframe loading=\"lazy\" class=\"youtube-player\" width=\"700\" height=\"394\" src=\"https:\/\/www.youtube.com\/embed\/o2hWpwJOado?version=3&#038;rel=1&#038;showsearch=0&#038;showinfo=1&#038;iv_load_policy=1&#038;fs=1&#038;hl=fr-FR&#038;autohide=2&#038;wmode=transparent\" allowfullscreen=\"true\" style=\"border:0;\" sandbox=\"allow-scripts allow-same-origin allow-popups allow-presentation allow-popups-to-escape-sandbox\"><\/iframe><\/span><\/div>\n<div class=\"jetpack-video-wrapper\"><span class=\"embed-youtube\" style=\"text-align:center; display: block;\"><iframe loading=\"lazy\" class=\"youtube-player\" width=\"700\" height=\"394\" src=\"https:\/\/www.youtube.com\/embed\/ECkXr3y-b6M?version=3&#038;rel=1&#038;showsearch=0&#038;showinfo=1&#038;iv_load_policy=1&#038;fs=1&#038;hl=fr-FR&#038;autohide=2&#038;wmode=transparent\" allowfullscreen=\"true\" style=\"border:0;\" sandbox=\"allow-scripts allow-same-origin allow-popups allow-presentation allow-popups-to-escape-sandbox\"><\/iframe><\/span><\/div>\n<div class=\"jetpack-video-wrapper\"><span class=\"embed-youtube\" style=\"text-align:center; display: block;\"><iframe loading=\"lazy\" class=\"youtube-player\" width=\"700\" height=\"394\" src=\"https:\/\/www.youtube.com\/embed\/HXYyBxoZEFE?version=3&#038;rel=1&#038;showsearch=0&#038;showinfo=1&#038;iv_load_policy=1&#038;fs=1&#038;hl=fr-FR&#038;autohide=2&#038;wmode=transparent\" allowfullscreen=\"true\" style=\"border:0;\" sandbox=\"allow-scripts allow-same-origin allow-popups allow-presentation allow-popups-to-escape-sandbox\"><\/iframe><\/span><\/div>\n<p><strong>\u00a0<\/strong><\/p>\n<p>&nbsp;<\/p>\n<p><strong>Ita Yachts Canada propose de vous assister et de voir \u00e0 vos int\u00e9r\u00eats pour l\u2019achat de ce yacht qui est \u00e0 vendre par une autre organisation. Nous serons pr\u00e9sents lors de l\u2019inspection et tout au long de la transaction et ce peu importe sa localisation. L\u2019\u00e9quipe d\u2019Ita Yachts Canada se soumet au plus haut standard d\u2019\u00e9thique.<\/strong><\/p>\n<p>&nbsp;<\/p>\n<p><strong>A propos du Yacht Seadeck 6<\/strong><\/p>\n<p>Le premier mod\u00e8le de la premi\u00e8re s\u00e9rie hybride pour les familles d\u00e9velopp\u00e9e par Azimut offre des croisi\u00e8res fluides avec un contact authentique et sans barri\u00e8re avec la mer. Dans le cadre d&rsquo;une relation plus consciente avec la nature, Seadeck 6 est le premier yacht de la S\u00e9rie de bateaux la plus efficace jamais con\u00e7ue, gr\u00e2ce \u00e0 des solutions technologiques visant \u00e0 r\u00e9duire les \u00e9missions jusqu&rsquo;\u00e0 40% et au Fun Island, un cockpit r\u00e9invent\u00e9 qui embrasse la mer, un salon ext\u00e9rieur sans pr\u00e9c\u00e9dent au niveau de la mer pour un contact illimit\u00e9 avec l&rsquo;eau, maximisant la relation avec l&rsquo;oc\u00e9an pour offrir une exp\u00e9rience naturelle immersive et harmonieuse tout autour et un nouveau style de vie bas\u00e9 sur le bien-\u00eatre.<\/p>\n<p><strong>Un c\u0153ur vert.<\/strong> Seadeck est la premi\u00e8re s\u00e9rie de motoryachts hybrides pour les familles et la premi\u00e8re ligne con\u00e7ue avec une approche holistique, qui int\u00e8gre les solutions utilis\u00e9es sur les Low Emission Yachts d&rsquo;Azimut avec des moteurs hybrides et des syst\u00e8mes embarqu\u00e9s con\u00e7us pour r\u00e9duire l&rsquo;absorption d&rsquo;\u00e9nergie. Une combinaison qui permettra de r\u00e9duire de 40 % les \u00e9missions de CO2 au cours d&rsquo;une ann\u00e9e d&rsquo;utilisation moyenne, entre la navigation et les arr\u00eats au mouillage.<\/p>\n<p><strong>L&rsquo;\u00eele du plaisir.<\/strong> Une zone arri\u00e8re \u00e9tonnamment spacieuse et polyvalente introduit le nouveau concept de l&rsquo;\u00eele du plaisir, un salon en plein air sans pr\u00e9c\u00e9dent au fil de l&rsquo;eau, con\u00e7u pour vivre les grands espaces en toute libert\u00e9 et confort. L&rsquo;ensemble du pont principal est transform\u00e9 en un grand espace qui offre la possibilit\u00e9 d&rsquo;interagir avec tout le monde, m\u00eame avec ceux qui sont dans l&rsquo;eau, en brisant la derni\u00e8re barri\u00e8re physique et sociale. C&rsquo;est l&rsquo;espace r\u00e9el et symbolique du \u00ab fun \u00bb. L&rsquo;\u00eele de l&rsquo;amusement est compl\u00e9t\u00e9e par deux ailes qui s&rsquo;ouvrent et une plate-forme arri\u00e8re qui r\u00e9v\u00e8le un grand escalier qui descend dans l&rsquo;eau.<\/p>\n<p><strong>Un concept ouvert sur la nature.<\/strong> Alberto Mancini cr\u00e9e un concept innovant dans lequel, d\u00e8s les premi\u00e8res esquisses, l&rsquo;ext\u00e9rieur interagit naturellement avec l&rsquo;int\u00e9rieur. Les lignes \u00e9voluent de dynamiques \u00e0 sinueuses et essentielles, tra\u00e7ant l&rsquo;espace infini de la Fun Island, pour un contact authentique avec la nature et une libert\u00e9 extr\u00eame \u00e0 bord.<\/p>\n<p><strong>Un design tout en douceur.<\/strong> Matteo Thun et Antonio Rodriguez appliquent au design int\u00e9rieur la philosophie consciente qui distingue leur approche de l&rsquo;architecture. La rencontre avec Azimut est n\u00e9e du partage de valeurs pr\u00e9cises : le d\u00e9sir de travailler en soustraction pour laisser \u00e9merger le c\u0153ur des environnements, celui dans lequel on se sent bien, la red\u00e9finition du concept de luxe en termes de bien-\u00eatre, le choix minutieux de mat\u00e9riaux naturels et durables, recycl\u00e9s et recyclables.<\/p>\n<p><strong>Une ambiance naturelle.<\/strong> La palette de couleurs des mat\u00e9riaux s\u00e9lectionn\u00e9s s&rsquo;articule autour de tons calmes et clairs, afin d&rsquo;optimiser les espaces. Le r\u00f4le de la lumi\u00e8re est d\u00e9cisif, confi\u00e9 \u00e0 des points d&rsquo;\u00e9clairage fonctionnels et discrets, d&rsquo;une chaleur intime.<\/p>\n<p><strong>\u00a0\u00a0<\/strong><\/p>\n<p>&nbsp;<\/p>\n<p><strong><span style=\"color: black;\">AVIS DE NON-RESPONSABILIT\u00c9<\/span><\/strong><\/p>\n<p><strong><span style=\"color: black; font-weight: normal;\">Le bateau qui est pr\u00e9sent\u00e9 sur cette page, l\u2019est uniquement \u00e0 titre d\u2019information et n\u2019est pas n\u00e9cessairement toujours disponible \u00e0 la vente et\/ou \u00e0 la location.<\/span><\/strong><span class=\"apple-converted-space\"><b><span style=\"color: black;\">\u00a0<\/span><\/b><\/span><strong><span style=\"color: black; font-weight: normal;\">Ce bateau est peut-\u00eatre offert sous r\u00e9serve, il faut v\u00e9rifier sa disponibilit\u00e9.<\/span><\/strong><span class=\"apple-converted-space\"><b><span style=\"color: black;\">\u00a0<\/span><\/b><\/span><strong><span style=\"color: black; font-weight: normal;\">\u00a0Ce document ou cette annonce n\u2019est pas contractuel. Les informations sur les bateaux affich\u00e9es dans les r\u00e9sultats ci-dessus sont pr\u00e9sent\u00e9es en toute bonne foi et, bien qu\u2019elles soient consid\u00e9r\u00e9es comme correctes, elles ne sont pas garanties. Ita Yachts Canada ne garantit pas et n\u2019assume aucune responsabilit\u00e9 l\u00e9gale ou responsabilit\u00e9 pour l\u2019exactitude, l\u2019exhaustivit\u00e9 ou l\u2019utilit\u00e9 des informations et\/ou des images affich\u00e9es, car elles peuvent ne pas \u00eatre \u00e0 jour ou encore \u00eatres des images d\u2019un bateau comparable. Toutes les informations sur les bateaux peuvent \u00eatre modifi\u00e9es sans pr\u00e9avis et sont sans garantie.<\/span><\/strong><span class=\"apple-converted-space\"><b><span style=\"color: black;\">\u00a0<\/span><\/b><\/span><strong><span style=\"color: black; font-weight: normal;\">Ce bateau est peut-\u00eatre offert par un autre courtier ouvert au co-courtage (co-brokerage).<\/span><\/strong><\/p>\n<p>&nbsp;<\/p>\n<div data-test='contact-form'\n\t\t\tid='contact-form-186781'\n\t\t\tclass='jetpack-contact-form-container '\n\t\t\tdata-wp-interactive='jetpack\/form' data-wp-context='{\"formId\":\"186781\",\"formHash\":\"4095eee5a2f3e481e95013ad00dd7522e09b7bf5\",\"showErrors\":false,\"errors\":[],\"fields\":[],\"isMultiStep\":false,\"useAjax\":false,\"submissionData\":null,\"formattedSubmissionData\":[],\"submissionSuccess\":false,\"submissionError\":null,\"elementId\":\"jp-form-4095eee5a2f3e481e95013ad00dd7522e09b7bf5\",\"isSingleInputForm\":false,\"isForcedHorizontal\":false}'\n\t\t\tdata-wp-watch--scroll-to-wrapper=\"callbacks.scrollToWrapper\"\n\t\t>\n<div class=\"contact-form-submission contact-form-ajax-submission\" data-wp-bind--aria-hidden=\"state.isSuccessMessageAriaHidden\" data-wp-class--submission-success=\"context.submissionSuccess\" id=\"contact-form-success-4095eee5a2f3e481e95013ad00dd7522e09b7bf5\" tabindex=\"-1\" aria-labelledby=\"contact-form-success-header-4095eee5a2f3e481e95013ad00dd7522e09b7bf5\"><p class=\"go-back-message\"><a class=\"link\" role=\"button\" tabindex=\"0\" data-wp-on--click=\"actions.goBack\" href=\"\/fr\/wp-json\/wp\/v2\/listing\/186781\">\u2190 Retour<\/a><\/p><h4 data-wp-bind--aria-hidden=\"state.isSuccessMessageAriaHidden\" id=\"contact-form-success-header-4095eee5a2f3e481e95013ad00dd7522e09b7bf5\">Merci pour votre r\u00e9ponse. \u2728<\/h4>\n\n<template data-wp-each--submission=\"context.formattedSubmissionData\">\n\t\t\t\t\t<div class=\"jetpack_forms_contact-form-success-summary\">\n\t\t\t\t\t\t<div class=\"field-name-wrapper\">\n\t\t\t\t\t\t\t<div class=\"field-type-icon\" data-wp-watch=\"callbacks.watchFieldTypeIcon\"><\/div>\n\t\t\t\t\t\t\t<div class=\"field-name\" data-wp-text=\"context.submission.label\" data-wp-bind--hidden=\"!context.submission.label\"><\/div>\n\t\t\t\t\t\t<\/div>\n\t\t\t\t\t\t<div class=\"field-value\" data-wp-text=\"context.submission.value\" data-wp-bind--hidden=\"!context.submission.showPlainValue\"><\/div>\n\t\t\t\t\t\t<a class=\"field-url\" data-wp-bind--href=\"context.submission.url\" data-wp-text=\"context.submission.value\" data-wp-bind--hidden=\"!context.submission.url\" target=\"_blank\" rel=\"noopener noreferrer\"><\/a>\n\t\t\t\t\t\t<div class=\"field-rating\" data-wp-bind--hidden=\"!context.submission.rating\" data-wp-watch=\"callbacks.watchRatingIcons\"><\/div>\n\t\t\t\t\t\t<div class=\"field-images\" data-wp-bind--hidden=\"!context.submission.images\">\n\t\t\t\t\t\t\t<template data-wp-each--image=\"context.submission.images\">\n\t\t\t\t\t\t\t\t<div class=\"field-image-option\" data-wp-class--is-empty=\"!context.image.src\">\n\t\t\t\t\t\t\t\t\t<figure class=\"field-image-option__image\" data-wp-class--is-empty=\"!context.image.src\">\n\t\t\t\t\t\t\t\t\t\t<img data-wp-bind--src=\"context.image.src\" data-wp-bind--hidden=\"!context.image.src\" \/>\n\t\t\t\t\t\t\t\t\t\t<img decoding=\"async\" src=\"data:image\/gif;base64,R0lGODlhAQABAAD\/ACwAAAAAAQABAAACADs=\" data-wp-bind--hidden=\"context.image.src\" \/>\n\t\t\t\t\t\t\t\t\t<\/figure>\n\t\t\t\t\t\t\t\t\t<div class=\"field-image-option__label-wrapper\">\n\t\t\t\t\t\t\t\t\t\t<span class=\"field-image-option__label-code\" data-wp-text=\"context.image.letterCode\"><\/span>\n\t\t\t\t\t\t\t\t\t\t<span class=\"field-image-option__label\" data-wp-text=\"context.image.label\" data-wp-bind--hidden=\"!context.image.label\"><\/span>\n\t\t\t\t\t\t\t\t\t<\/div>\n\t\t\t\t\t\t\t\t<\/div>\n\t\t\t\t\t\t\t<\/template>\n\t\t\t\t\t\t<\/div>\n\t\t\t\t\t\t<div class=\"field-files\" data-wp-bind--hidden=\"!context.submission.files\">\n\t\t\t\t\t\t\t<template data-wp-each--file=\"context.submission.files\">\n\t\t\t\t\t\t\t\t<div class=\"field-file\">\n\t\t\t\t\t\t\t\t\t<div class=\"field-file__thumbnail\" data-wp-style--background-image=\"context.file.previewUrl\" data-wp-style--mask-image=\"context.file.iconUrl\" data-wp-bind--hidden=\"!context.file.hasPreview\"><\/div>\n\t\t\t\t\t\t\t\t\t<svg class=\"field-file__icon\" data-wp-bind--hidden=\"context.file.hasPreview\" width=\"20\" height=\"20\" viewBox=\"0 0 24 24\" fill=\"none\" xmlns=\"http:\/\/www.w3.org\/2000\/svg\" aria-hidden=\"true\">\n\t\t\t\t\t\t\t\t\t\t<path d=\"M14 2H6C4.9 2 4 2.9 4 4V20C4 21.1 4.89 22 5.99 22H18C19.1 22 20 21.1 20 20V8L14 2ZM18 20H6V4H13V9H18V20Z\" fill=\"currentColor\"\/>\n\t\t\t\t\t\t\t\t\t<\/svg>\n\t\t\t\t\t\t\t\t\t<span class=\"field-file__name\" data-wp-text=\"context.file.name\"><\/span>\n\t\t\t\t\t\t\t\t\t<span class=\"field-file__size\" data-wp-text=\"context.file.size\"><\/span>\n\t\t\t\t\t\t\t\t<\/div>\n\t\t\t\t\t\t\t<\/template>\n\t\t\t\t\t\t<\/div>\n\t\t\t\t\t<\/div>\n\t\t\t\t<\/template><\/div><form action='https:\/\/itayachtscanada.com\/fr\/listing\/azimut-seadeck-6-2024-e2781050-euros-for-sale\/'\n\t\t\t\tid='jp-form-4095eee5a2f3e481e95013ad00dd7522e09b7bf5'\n\t\t\t\tmethod='post'\n\t\t\t\tclass='contact-form commentsblock jetpack-contact-form__form has-no-jetpack-form-layout' aria-label=\"{:en}Azimut Seadeck 6 2024 \u20ac2,800,000 euros for sale{:}{:fr}Azimut Seadeck 6 2024 \u20ac2,800,000 euros \u00e0 vendre{:}\"\n\t\t\t\tdata-wp-on--submit=\"actions.onFormSubmit\"\n\t\t\t\tdata-wp-on--reset=\"actions.onFormReset\"\n\t\t\t\tdata-wp-class--submission-success=\"context.submissionSuccess\"\n\t\t\t\tdata-wp-class--is-first-step=\"state.isFirstStep\"\n\t\t\t\tdata-wp-class--is-last-step=\"state.isLastStep\"\n\t\t\t\tdata-wp-class--is-ajax-form=\"context.useAjax\"\n\t\t\t\tnovalidate >\n<input type='hidden' name='jetpack_contact_form_jwt' value='eyJ0eXAiOiJKV1QiLCJhbGciOiJIUzI1NiJ9.eyJlbmNyeXB0ZWRfYXR0cmlidXRlcyI6ImZlQm9XL0htdjBPZit0bkl4Z2lZU1RmQkJ6V2RLRVpDWWM2QTYvTVVPdEE2Y0ViSWJEaUJuY2NCNG5iUUlpZEJGOGNZQ2N1YTBORFB5Z3B5MkZDTGJraXlYRHN2SDFkMGl0VytyZW82VWwrQi8zWEovcHpSUEowdS9QMUtpY2hlcFRxTkZlZkV2VHN4U3kvdHRiWUo2Z3ZmUHYrSEZhRUY3cy9VRUJ2V01NWEpaaG5RTk02ZG1IWllPVlhwY3llK3A3VXB2RmxlWmk5Y3pKZVlhRnF2VEREZ3l1c25rcHJFajZ5MnJYSmJuZDFwQ296ajVzK24wL2ZFNWtQWUxoS2EvcENvaURrdVl3dXlaU0hTWmVsQzMxWHpJOUZOQTdqSlV4UUtnd0hJbFphUWRTRVB2SUFOTWdWNHdqaUlpZmZQYmo2L3liTGVmb0lLOU1COGhFd3BKL1IxMk1qa1M5UjJsWUxya25DNVNwWTIwRmdjWVJFU1ZDNUp5T0Q2aTZVTXBmNVdodlFnZnZVT1hVNlZzb3ovTGJWMTdYT085VVltVkhzTnZKSENNRzloWnE4UDdnKzg1dnJZc0h4dnBCV3MxVzFyZFRmN2doODR0Y1U3bVdjRDBHMERUTTB5YXhkcEY3YnhDWEFSUVNYMVV2a3pCSHk1TXkrdDAzUmdHaUovaU82RVlmeXcxSVlSM3A2V1ZwMzRJekZmeE1FZG9IVnNUbFM5TWJ5ZVNSZHZqRkNOZEF3Qm1RYndhUXgvcDFhbmVEM2xFQnRwRW94MGpQck41ZUZaalUyZU0vRDkvbTd2RVpZQlBydXI3N200SDZYWG01WU4vdFRXN0J4Q3NxU24xRDBhd2FxWmVubWc0d245NlhLVTJ4UTVRc0xkZEo5Zlg4LzlDaC92Z2NMUFJTSE9DRzRnajhrUG4wOHZQZWhkWWdtVHVTREdOY3dvUUFIcjIvMDFnM1pRV1Q0cWFBTUY0SHZJQW53b3NXZS8zeVhqdEhPRDRsSGI0MEtUdTF2NlRwL210elVWa0laZ05YL1FqYUR6UHE1UndGaFI3WFQzbHZVNXFacE5KWThsU0s4eCtOVmpKYURUZFBWbUY4S1VkSkk5djRsNXV5Qm5RNUt3NTdqc21rSWNUVTVFMThCQ0QzTUhPdXlvdjhyN1V1MmlCZXR3MlBoOUM0YkU0aTN3ditjYi93WnhCR3Viajh2WVpuY1FaSFNKbENXcGRMU0tRRWhaV3ZGNzBudmE5UT09IiwiY29udGVudCI6Iltjb250YWN0LWZpZWxkIGxhYmVsPVwiTm9tOlwiIHR5cGU9XCJuYW1lXCIgcmVxdWlyZWQ9XCIxXCJdW2NvbnRhY3QtZmllbGQgbGFiZWw9XCJFLW1haWxcIiB0eXBlPVwiZW1haWxcIiByZXF1aXJlZD1cIjFcIl1bY29udGFjdC1maWVsZCBsYWJlbD1cIkF1IHN1amV0IGRlIGNlIHlhY2h0OiBcIiB0eXBlPVwidGV4dFwiXVtjb250YWN0LWZpZWxkIGxhYmVsPVwiTWVzc2FnZVwiIHR5cGU9XCJ0ZXh0YXJlYVwiXSIsImhhc2giOiI0MDk1ZWVlNWEyZjNlNDgxZTk1MDEzYWQwMGRkNzUyMmUwOWI3YmY1Iiwic291cmNlIjp7ImVudHJ5X3RpdGxlIjoiQXppbXV0IFNlYWRlY2sgNiAyMDI0IFx1MjBhYzIsODAwLDAwMCBldXJvcyBcdTAwZTAgdmVuZHJlIiwiZW50cnlfcGFnZSI6MSwic291cmNlX2lkIjoxODY3ODEsInNvdXJjZV90eXBlIjoic2luZ2xlIiwicmVxdWVzdF91cmwiOiJodHRwczovL2l0YXlhY2h0c2NhbmFkYS5jb20vZnIvd3AtanNvbi93cC92Mi9saXN0aW5nLzE4Njc4MSJ9LCJ2ZXJzaW9uIjoyLCJjaXBoZXIiOiJhZXMtMjU2LWdjbSJ9.Yp26TIDJv1iHVqFu1mNVwYwvL8UhWK6b_QY2xDAsQyk' \/>\n\n<div style=\"\"  data-wp-interactive=\"jetpack\/form\" data-wp-context='{\"fieldId\":\"g186781-nom\",\"fieldType\":\"name\",\"fieldLabel\":\"Nom:\",\"fieldValue\":\"\",\"fieldPlaceholder\":\"\",\"fieldIsRequired\":\"1\",\"fieldErrorMessage\":\"\",\"fieldExtra\":[],\"formHash\":\"4095eee5a2f3e481e95013ad00dd7522e09b7bf5\"}'  class='grunion-field-name-wrap grunion-field-wrap'  data-wp-init='callbacks.initializeField' data-wp-on--jetpack-form-reset='callbacks.initializeField' >\n<label\n\t\t\t\tfor='g186781-nom' class=\"grunion-field-label name\" >Nom:<span class=\"grunion-label-required\" aria-hidden=\"true\">(obligatoire)<\/span><\/label>\n<input\n\t\t\t\t\ttype='text'\n\t\t\t\t\tname='g186781-nom'\n\t\t\t\t\tid='g186781-nom'\n\t\t\t\t\tvalue=''\n\n\t\t\t\t\tdata-wp-bind--aria-invalid='state.fieldAriaInvalid'\n\t\t\t\t\tdata-wp-bind--value='state.getFieldValue'\n\t\t\t\t\taria-describedby='g186781-nom-text-error-message'\n\t\t\t\t\tdata-wp-on--input='actions.onFieldChange'\n\t\t\t\t\tdata-wp-on--blur='actions.onFieldBlur'\n\t\t\t\t\tdata-wp-class--has-value='state.hasFieldValue'\n\n\t\t\t\t\tclass='name  grunion-field' \n\t\t\t\t\trequired='true' aria-required='true'  \/>\n \n\t\t\t<div id=\"g186781-nom-text-error\" class=\"contact-form__input-error\" data-wp-class--has-errors=\"state.fieldHasErrors\">\n\t\t\t\t<span class=\"contact-form__warning-icon\" aria-hidden=\"true\">\n\t\t\t\t\t<svg width=\"16\" height=\"16\" viewBox=\"0 0 16 16\" fill=\"none\" xmlns=\"http:\/\/www.w3.org\/2000\/svg\">\n\t\t\t\t\t\t<path d=\"M8.50015 11.6402H7.50015V10.6402H8.50015V11.6402Z\" \/>\n\t\t\t\t\t\t<path d=\"M7.50015 9.64018H8.50015V6.30684H7.50015V9.64018Z\" \/>\n\t\t\t\t\t\t<path fill-rule=\"evenodd\" clip-rule=\"evenodd\" d=\"M6.98331 3.0947C7.42933 2.30177 8.57096 2.30177 9.01698 3.09469L13.8771 11.7349C14.3145 12.5126 13.7525 13.4735 12.8602 13.4735H3.14004C2.24774 13.4735 1.68575 12.5126 2.12321 11.7349L6.98331 3.0947ZM8.14541 3.58496C8.08169 3.47168 7.9186 3.47168 7.85488 3.58496L2.99478 12.2251C2.93229 12.3362 3.01257 12.4735 3.14004 12.4735H12.8602C12.9877 12.4735 13.068 12.3362 13.0055 12.2251L8.14541 3.58496Z\" \/>\n\t\t\t\t\t<\/svg>\n\t\t\t\t<\/span>\n\t\t\t\t<span data-wp-text=\"state.errorMessage\" id=\"g186781-nom-text-error-message\"><\/span>\n\t\t\t<\/div> \n\t<\/div>\n\n<div style=\"\"  data-wp-interactive=\"jetpack\/form\" data-wp-context='{\"fieldId\":\"g186781-email\",\"fieldType\":\"email\",\"fieldLabel\":\"E-mail\",\"fieldValue\":\"\",\"fieldPlaceholder\":\"\",\"fieldIsRequired\":\"1\",\"fieldErrorMessage\":\"\",\"fieldExtra\":[],\"formHash\":\"4095eee5a2f3e481e95013ad00dd7522e09b7bf5\"}'  class='grunion-field-email-wrap grunion-field-wrap'  data-wp-init='callbacks.initializeField' data-wp-on--jetpack-form-reset='callbacks.initializeField' >\n<label\n\t\t\t\tfor='g186781-email' class=\"grunion-field-label email\" >E-mail<span class=\"grunion-label-required\" aria-hidden=\"true\">(obligatoire)<\/span><\/label>\n<input\n\t\t\t\t\ttype='email'\n\t\t\t\t\tname='g186781-email'\n\t\t\t\t\tid='g186781-email'\n\t\t\t\t\tvalue=''\n\n\t\t\t\t\tdata-wp-bind--aria-invalid='state.fieldAriaInvalid'\n\t\t\t\t\tdata-wp-bind--value='state.getFieldValue'\n\t\t\t\t\taria-describedby='g186781-email-email-error-message'\n\t\t\t\t\tdata-wp-on--input='actions.onFieldChange'\n\t\t\t\t\tdata-wp-on--blur='actions.onFieldBlur'\n\t\t\t\t\tdata-wp-class--has-value='state.hasFieldValue'\n\n\t\t\t\t\tclass='email  grunion-field' \n\t\t\t\t\trequired='true' aria-required='true'  \/>\n \n\t\t\t<div id=\"g186781-email-email-error\" class=\"contact-form__input-error\" data-wp-class--has-errors=\"state.fieldHasErrors\">\n\t\t\t\t<span class=\"contact-form__warning-icon\" aria-hidden=\"true\">\n\t\t\t\t\t<svg width=\"16\" height=\"16\" viewBox=\"0 0 16 16\" fill=\"none\" xmlns=\"http:\/\/www.w3.org\/2000\/svg\">\n\t\t\t\t\t\t<path d=\"M8.50015 11.6402H7.50015V10.6402H8.50015V11.6402Z\" \/>\n\t\t\t\t\t\t<path d=\"M7.50015 9.64018H8.50015V6.30684H7.50015V9.64018Z\" \/>\n\t\t\t\t\t\t<path fill-rule=\"evenodd\" clip-rule=\"evenodd\" d=\"M6.98331 3.0947C7.42933 2.30177 8.57096 2.30177 9.01698 3.09469L13.8771 11.7349C14.3145 12.5126 13.7525 13.4735 12.8602 13.4735H3.14004C2.24774 13.4735 1.68575 12.5126 2.12321 11.7349L6.98331 3.0947ZM8.14541 3.58496C8.08169 3.47168 7.9186 3.47168 7.85488 3.58496L2.99478 12.2251C2.93229 12.3362 3.01257 12.4735 3.14004 12.4735H12.8602C12.9877 12.4735 13.068 12.3362 13.0055 12.2251L8.14541 3.58496Z\" \/>\n\t\t\t\t\t<\/svg>\n\t\t\t\t<\/span>\n\t\t\t\t<span data-wp-text=\"state.errorMessage\" id=\"g186781-email-email-error-message\"><\/span>\n\t\t\t<\/div> \n\t<\/div>\n\n<div style=\"\"  data-wp-interactive=\"jetpack\/form\" data-wp-context='{\"fieldId\":\"g186781-ausujetdeceyacht\",\"fieldType\":\"text\",\"fieldLabel\":\"Au sujet de ce yacht: \",\"fieldValue\":\"\",\"fieldPlaceholder\":\"\",\"fieldIsRequired\":\"\",\"fieldErrorMessage\":\"\",\"fieldExtra\":[],\"formHash\":\"4095eee5a2f3e481e95013ad00dd7522e09b7bf5\"}'  class='grunion-field-text-wrap grunion-field-wrap'  data-wp-init='callbacks.initializeField' data-wp-on--jetpack-form-reset='callbacks.initializeField' >\n<label\n\t\t\t\tfor='g186781-ausujetdeceyacht' class=\"grunion-field-label text\" >Au sujet de ce yacht: <\/label>\n<input\n\t\t\t\t\ttype='text'\n\t\t\t\t\tname='g186781-ausujetdeceyacht'\n\t\t\t\t\tid='g186781-ausujetdeceyacht'\n\t\t\t\t\tvalue=''\n\n\t\t\t\t\tdata-wp-bind--aria-invalid='state.fieldAriaInvalid'\n\t\t\t\t\tdata-wp-bind--value='state.getFieldValue'\n\t\t\t\t\taria-describedby='g186781-ausujetdeceyacht-text-error-message'\n\t\t\t\t\tdata-wp-on--input='actions.onFieldChange'\n\t\t\t\t\tdata-wp-on--blur='actions.onFieldBlur'\n\t\t\t\t\tdata-wp-class--has-value='state.hasFieldValue'\n\n\t\t\t\t\tclass='text  grunion-field' \n\t\t\t\t\t \/>\n \n\t\t\t<div id=\"g186781-ausujetdeceyacht-text-error\" class=\"contact-form__input-error\" data-wp-class--has-errors=\"state.fieldHasErrors\">\n\t\t\t\t<span class=\"contact-form__warning-icon\" aria-hidden=\"true\">\n\t\t\t\t\t<svg width=\"16\" height=\"16\" viewBox=\"0 0 16 16\" fill=\"none\" xmlns=\"http:\/\/www.w3.org\/2000\/svg\">\n\t\t\t\t\t\t<path d=\"M8.50015 11.6402H7.50015V10.6402H8.50015V11.6402Z\" \/>\n\t\t\t\t\t\t<path d=\"M7.50015 9.64018H8.50015V6.30684H7.50015V9.64018Z\" \/>\n\t\t\t\t\t\t<path fill-rule=\"evenodd\" clip-rule=\"evenodd\" d=\"M6.98331 3.0947C7.42933 2.30177 8.57096 2.30177 9.01698 3.09469L13.8771 11.7349C14.3145 12.5126 13.7525 13.4735 12.8602 13.4735H3.14004C2.24774 13.4735 1.68575 12.5126 2.12321 11.7349L6.98331 3.0947ZM8.14541 3.58496C8.08169 3.47168 7.9186 3.47168 7.85488 3.58496L2.99478 12.2251C2.93229 12.3362 3.01257 12.4735 3.14004 12.4735H12.8602C12.9877 12.4735 13.068 12.3362 13.0055 12.2251L8.14541 3.58496Z\" \/>\n\t\t\t\t\t<\/svg>\n\t\t\t\t<\/span>\n\t\t\t\t<span data-wp-text=\"state.errorMessage\" id=\"g186781-ausujetdeceyacht-text-error-message\"><\/span>\n\t\t\t<\/div> \n\t<\/div>\n\n<div style=\"\"  data-wp-interactive=\"jetpack\/form\" data-wp-context='{\"fieldId\":\"g186781-message\",\"fieldType\":\"textarea\",\"fieldLabel\":\"Message\",\"fieldValue\":\"\",\"fieldPlaceholder\":\"\",\"fieldIsRequired\":\"\",\"fieldErrorMessage\":\"\",\"fieldExtra\":[],\"formHash\":\"4095eee5a2f3e481e95013ad00dd7522e09b7bf5\"}'  class='grunion-field-textarea-wrap grunion-field-wrap'  data-wp-init='callbacks.initializeField' data-wp-on--jetpack-form-reset='callbacks.initializeField' >\n<label\n\t\t\t\tfor='contact-form-comment-g186781-message' class=\"grunion-field-label textarea\" >Message<\/label>\n<textarea\n\t\t                style=''\n\t\t                name='g186781-message'\n\t\t                id='contact-form-comment-g186781-message'\n\t\t                rows='20'\n\t\t\t\t\t\tdata-wp-text='state.getFieldValue'\n\t\t\t\t\t\tdata-wp-on--input='actions.onFieldChange'\n\t\t\t\t\t\tdata-wp-on--blur='actions.onFieldBlur'\n\t\t\t\t\t\tdata-wp-class--has-value='state.hasFieldValue'\n\t\t\t\t\t\taria-describedby='g186781-message-textarea-error-message'\n\t\t\t\t\t\tdata-wp-bind--aria-invalid='state.fieldAriaInvalid'\n\t\t\t\t\t\tclass='textarea  grunion-field'  ><\/textarea>\n \n\t\t\t<div id=\"g186781-message-textarea-error\" class=\"contact-form__input-error\" data-wp-class--has-errors=\"state.fieldHasErrors\">\n\t\t\t\t<span class=\"contact-form__warning-icon\" aria-hidden=\"true\">\n\t\t\t\t\t<svg width=\"16\" height=\"16\" viewBox=\"0 0 16 16\" fill=\"none\" xmlns=\"http:\/\/www.w3.org\/2000\/svg\">\n\t\t\t\t\t\t<path d=\"M8.50015 11.6402H7.50015V10.6402H8.50015V11.6402Z\" \/>\n\t\t\t\t\t\t<path d=\"M7.50015 9.64018H8.50015V6.30684H7.50015V9.64018Z\" \/>\n\t\t\t\t\t\t<path fill-rule=\"evenodd\" clip-rule=\"evenodd\" d=\"M6.98331 3.0947C7.42933 2.30177 8.57096 2.30177 9.01698 3.09469L13.8771 11.7349C14.3145 12.5126 13.7525 13.4735 12.8602 13.4735H3.14004C2.24774 13.4735 1.68575 12.5126 2.12321 11.7349L6.98331 3.0947ZM8.14541 3.58496C8.08169 3.47168 7.9186 3.47168 7.85488 3.58496L2.99478 12.2251C2.93229 12.3362 3.01257 12.4735 3.14004 12.4735H12.8602C12.9877 12.4735 13.068 12.3362 13.0055 12.2251L8.14541 3.58496Z\" \/>\n\t\t\t\t\t<\/svg>\n\t\t\t\t<\/span>\n\t\t\t\t<span data-wp-text=\"state.errorMessage\" id=\"g186781-message-textarea-error-message\"><\/span>\n\t\t\t<\/div>\n\t<\/div>\n\t<p class='contact-submit'>\n<div class=\"contact-form__error\" data-wp-class--show-errors=\"state.showFormErrors\"><span class=\"contact-form__warning-icon\" aria-hidden=\"true\"><i><\/i><\/span><span class=\"contact-form__error-message\" tabindex=\"-1\" data-wp-watch=\"callbacks.focusOnValidationError\" data-wp-text=\"state.getFormErrorMessage\"><\/span><ul aria-label=\"Erreurs de formulaire\">\n\t\t\t\t<template data-wp-each=\"state.getErrorList\" data-wp-key=\"context.item.id\">\n\t\t\t\t\t<li><a data-wp-bind--href=\"context.item.anchor\" data-wp-on--click=\"actions.scrollIntoView\" data-wp-text=\"context.item.label\"><\/a><\/li>\n\t\t\t\t<\/template>\n\t\t\t\t<\/ul><\/div><div class=\"contact-form__error\" data-wp-class--show-errors=\"state.showSubmissionError\" data-wp-text=\"context.submissionError\" tabindex=\"-1\" data-wp-watch=\"callbacks.focusOnSubmissionError\"><\/div>\t\t<button type='submit' class='pushbutton-wide'>Envoyer<\/button>\t\t<input type='hidden' name='contact-form-id' value='186781' \/>\n\t\t<input type='hidden' name='action' value='grunion-contact-form' \/>\n\t\t<input type='hidden' name='contact-form-hash' value='4095eee5a2f3e481e95013ad00dd7522e09b7bf5' \/>\n\t<\/p>\n<p style=\"display: none !important;\" class=\"akismet-fields-container\" data-prefix=\"ak_\"><label>&#916;<textarea name=\"ak_hp_textarea\" cols=\"45\" rows=\"8\" maxlength=\"100\"><\/textarea><\/label><input type=\"hidden\" id=\"ak_js_1\" name=\"ak_js\" value=\"165\"\/><script type=\"text\/javascript\">\n\/* <![CDATA[ *\/\ndocument.getElementById( \"ak_js_1\" ).setAttribute( \"value\", ( new Date() ).getTime() );\n\/* ]]> *\/\n<\/script>\n<\/p><\/form>\n<\/div>\n<p>&nbsp;<\/p>\n<p>&nbsp;<\/p>\n<\/div>\n<\/div>\n<\/div>\n<\/div>\n<\/div>\n","protected":false},"excerpt":{"rendered":"<p>EN PROCESSUS DE VENTE&#8230; &nbsp; Azimut Seadeck 6 2024 \u20ac2,800,000 euros \u00e0 vendre LE SEADECK 6, un concept ouvert sur la nature ! Adoptant une relation plus consciente avec la nature, Seadeck 6 est le premier yacht de la s\u00e9rie de bateaux la plus efficace jamais con\u00e7ue, gr\u00e2ce \u00e0 des solutions technologiques visant \u00e0 r\u00e9duire &hellip; <a href=\"https:\/\/itayachtscanada.com\/fr\/listing\/azimut-seadeck-6-2024-e2781050-euros-for-sale\/\" class=\"more-link\">Lire la suite <span class=\"screen-reader-text\">Azimut Seadeck 6 2024 \u20ac2,800,000 euros \u00e0 vendre<\/span> <span class=\"meta-nav\">&rarr;<\/span><\/a><\/p>\n","protected":false},"author":119081455,"featured_media":186823,"parent":0,"menu_order":0,"comment_status":"open","ping_status":"open","template":"","format":"standard","meta":{"_coblocks_attr":"","_coblocks_dimensions":"","_coblocks_responsive_height":"","_coblocks_accordion_ie_support":"","_lmt_disableupdate":"no","_lmt_disable":"no","advanced_seo_description":"","jetpack_seo_html_title":"","jetpack_seo_noindex":false,"footnotes":""},"manufacturer":[6426],"prix":[6575],"years":[7656],"length_feet":[6587],"boat_type":[6469],"price_range":[],"localisations":[],"numyacht":[10610,9922],"datevente":[10368,10490,10609,10733,11047,11195,11299],"country":[11049],"states":[],"city":[11050],"fresh-water-boat":[10809],"broker":[],"migration":[10888],"class_list":["post-186781","listing","type-listing","status-publish","format-standard","has-post-thumbnail","hentry","manufacturer-azimut","prix-6575","years-7656","length_feet-between-50-and-59-feets","boat_type-express","numyacht-10610","numyacht-9922","datevente-2025-05-10","datevente-2025-07-03","datevente-2025-08-29","datevente-2025-10-25","datevente-2025-12-22","datevente-2026-02-21","datevente-2026-04-18","country-portugal","city-cascais","fresh-water-boat-non","migration-non"],"translation":{"provider":"WPGlobus","version":"2.12.2","language":"fr","enabled_languages":["en","fr"],"languages":{"en":{"title":true,"content":true,"excerpt":false},"fr":{"title":true,"content":true,"excerpt":false}}},"jetpack_likes_enabled":true,"jetpack_sharing_enabled":true,"_links":{"self":[{"href":"https:\/\/itayachtscanada.com\/fr\/wp-json\/wp\/v2\/listing\/186781","targetHints":{"allow":["GET"]}}],"collection":[{"href":"https:\/\/itayachtscanada.com\/fr\/wp-json\/wp\/v2\/listing"}],"about":[{"href":"https:\/\/itayachtscanada.com\/fr\/wp-json\/wp\/v2\/types\/listing"}],"author":[{"embeddable":true,"href":"https:\/\/itayachtscanada.com\/fr\/wp-json\/wp\/v2\/users\/119081455"}],"replies":[{"embeddable":true,"href":"https:\/\/itayachtscanada.com\/fr\/wp-json\/wp\/v2\/comments?post=186781"}],"version-history":[{"count":29,"href":"https:\/\/itayachtscanada.com\/fr\/wp-json\/wp\/v2\/listing\/186781\/revisions"}],"predecessor-version":[{"id":296253,"href":"https:\/\/itayachtscanada.com\/fr\/wp-json\/wp\/v2\/listing\/186781\/revisions\/296253"}],"wp:featuredmedia":[{"embeddable":true,"href":"https:\/\/itayachtscanada.com\/fr\/wp-json\/wp\/v2\/media\/186823"}],"wp:attachment":[{"href":"https:\/\/itayachtscanada.com\/fr\/wp-json\/wp\/v2\/media?parent=186781"}],"wp:term":[{"taxonomy":"manufacturer","embeddable":true,"href":"https:\/\/itayachtscanada.com\/fr\/wp-json\/wp\/v2\/manufacturer?post=186781"},{"taxonomy":"prix","embeddable":true,"href":"https:\/\/itayachtscanada.com\/fr\/wp-json\/wp\/v2\/prix?post=186781"},{"taxonomy":"years","embeddable":true,"href":"https:\/\/itayachtscanada.com\/fr\/wp-json\/wp\/v2\/years?post=186781"},{"taxonomy":"length_feet","embeddable":true,"href":"https:\/\/itayachtscanada.com\/fr\/wp-json\/wp\/v2\/length_feet?post=186781"},{"taxonomy":"boat_type","embeddable":true,"href":"https:\/\/itayachtscanada.com\/fr\/wp-json\/wp\/v2\/boat_type?post=186781"},{"taxonomy":"price_range","embeddable":true,"href":"https:\/\/itayachtscanada.com\/fr\/wp-json\/wp\/v2\/price_range?post=186781"},{"taxonomy":"localisations","embeddable":true,"href":"https:\/\/itayachtscanada.com\/fr\/wp-json\/wp\/v2\/localisations?post=186781"},{"taxonomy":"numyacht","embeddable":true,"href":"https:\/\/itayachtscanada.com\/fr\/wp-json\/wp\/v2\/numyacht?post=186781"},{"taxonomy":"datevente","embeddable":true,"href":"https:\/\/itayachtscanada.com\/fr\/wp-json\/wp\/v2\/datevente?post=186781"},{"taxonomy":"country","embeddable":true,"href":"https:\/\/itayachtscanada.com\/fr\/wp-json\/wp\/v2\/country?post=186781"},{"taxonomy":"states","embeddable":true,"href":"https:\/\/itayachtscanada.com\/fr\/wp-json\/wp\/v2\/states?post=186781"},{"taxonomy":"city","embeddable":true,"href":"https:\/\/itayachtscanada.com\/fr\/wp-json\/wp\/v2\/city?post=186781"},{"taxonomy":"fresh-water-boat","embeddable":true,"href":"https:\/\/itayachtscanada.com\/fr\/wp-json\/wp\/v2\/fresh-water-boat?post=186781"},{"taxonomy":"broker","embeddable":true,"href":"https:\/\/itayachtscanada.com\/fr\/wp-json\/wp\/v2\/broker?post=186781"},{"taxonomy":"migration","embeddable":true,"href":"https:\/\/itayachtscanada.com\/fr\/wp-json\/wp\/v2\/migration?post=186781"}],"curies":[{"name":"wp","href":"https:\/\/api.w.org\/{rel}","templated":true}]}}