{"id":182225,"date":"2024-10-24T17:00:10","date_gmt":"2024-10-24T21:00:10","guid":{"rendered":"https:\/\/itayachtscanada.com\/?post_type=listing&#038;p=182225"},"modified":"2026-03-29T10:35:00","modified_gmt":"2026-03-29T14:35:00","slug":"prestige-m48-2024-e1567000-euros-for-sale","status":"publish","type":"listing","link":"https:\/\/itayachtscanada.com\/fr\/listing\/prestige-m48-2024-e1567000-euros-for-sale\/","title":{"rendered":"Prestige M48 2024 \u20ac1,567,000 euros \u00e0 vendre"},"content":{"rendered":"<p><strong>Prestige M48 2024 \u20ac1,567,000 euros \u00e0 vendre<\/strong><\/p>\n<p>Disponible \u00e0 la vente, TVA pay\u00e9e. Facile \u00e0 manipuler gr\u00e2ce au joystick Volvo Penta (3 stations). Design moderne qui restera \u00e9l\u00e9gant pendant des ann\u00e9es. L&rsquo;excellente tenue en mer et la stabilit\u00e9 permettent une grande \u00e9conomie de carburant en mode croisi\u00e8re &#8211; 9 litres\/heure\/moteur \u00e0 9 n\u0153uds. \u00c9quip\u00e9 d&rsquo;un groupe \u00e9lectrog\u00e8ne et d&rsquo;un syst\u00e8me de climatisation ind\u00e9pendant dans toutes les zones. \u00c9quipement de navigation de pointe. Parfait pour les vacances en famille. Grande plate-forme de baignade. Richement \u00e9quip\u00e9.<\/p>\n<p>320 heures de moteur (a navigu\u00e9 de la France \u00e0 la Croatie), jamais lou\u00e9. Seulement 98 heures sur le g\u00e9n\u00e9rateur. Moteurs sous garantie, historique complet disponible.<\/p>\n<p>Description fournie par le fabricant<\/p>\n<p>Le premier mod\u00e8le de la M-Line, le M48, vous invite \u00e0 vivre des moments d&rsquo;harmonie avec la nature dans un confort raffin\u00e9. Ce multicoques \u00e0 moteur est con\u00e7u pour d\u00e9couvrir des paysages exceptionnels, pour vivre l&rsquo;\u00e9panouissement et le bien-\u00eatre. Ouvert sur la mer \u00e0 l&rsquo;int\u00e9rieur comme \u00e0 l&rsquo;ext\u00e9rieur, la sensation d&rsquo;espace, l&rsquo;aisance et le confort de chaque instant pass\u00e9 \u00e0 bord, le raffinement exquis des am\u00e9nagements et des mat\u00e9riaux, chaque d\u00e9tail contribue \u00e0 cr\u00e9er des moments de profonde s\u00e9r\u00e9nit\u00e9.<\/p>\n<p>&nbsp;<\/p>\n<p><strong>CE CATAMARAN PRESTIGE M48 EST SITU\u00c9 EN CROATIE, APPELEZ-NOUS AU 514-521-1221 POUR TOUS LES D\u00c9TAILS SUR CE CATAMARAN \u00c0 MOTEUR PRESTIGE M48, NOTRE BUREAU EST SITU\u00c9 EN BANLIEUE DE MONTR\u00c9AL.<\/strong> <strong>NOUS SOMMES SP\u00c9CIALIS\u00c9S DANS TOUTES LES \u00c9TAPES D&rsquo;UNE PRISE EN CHARGE EN EUROPE ET POUR L&rsquo;EXPORTATION \u00c9VENTUELLE EN AM\u00c9RIQUE DU NORD.<\/strong><\/p>\n<p><a href=\"https:\/\/itayachtscanada.com\/fr\/virtuals_visits\/prestige-m48\/\">Cliquez ici<\/a> pour une visite virtuelle du Prestige M48.<\/p>\n<p>Dimensions<br \/>\nLongueur hors tout : 48 pi 6 po<br \/>\nLongueur sur le pont : 47 pi 2 po<br \/>\nLargeur: 19 pi 8 po<br \/>\nHauteur libre maximale sur le pont : 19 pi 4 po<br \/>\nTirant d&rsquo;eau minimum : 3 pi 11 po<br \/>\nTirant d&rsquo;eau max : 3 pi 3 po<br \/>\nPoids<br \/>\nPoids \u00e0 sec : 39688 lb<br \/>\nVitesse de croisi\u00e8re<br \/>\nVitesse de croisi\u00e8re : 10 kn \u00e0 1950 tr\/min<br \/>\nVitesse de coque :<br \/>\n20 n\u0153uds \u00e0 3250 tr\/min<br \/>\nRayon d&rsquo;action : 450 nmi<br \/>\nPlaces assises<br \/>\nNombre maximum de passagers : 12<br \/>\nR\u00e9servoirs<br \/>\nCarburant : 2 (600 l) en acier inoxydable<br \/>\nEau douce : 1 (300 l) en plastique<br \/>\nR\u00e9servoir de stockage : 2 (80 l) en plastique<br \/>\nH\u00e9bergement<br \/>\nCabines invit\u00e9s : 3<br \/>\nCabines d&rsquo;\u00e9quipage : 1<br \/>\nSalles de bain invit\u00e9s : 3<br \/>\nCabines d&rsquo;\u00e9quipage : 1<br \/>\nAutre<br \/>\nForme de la coque : Semi-d\u00e9placement<br \/>\nPavillon d&rsquo;immatriculation : Croatie<br \/>\nConcepteur : Garroni Design, JP Concepts, Prestige Engineering<br \/>\nConstructeur : Prestige<\/p>\n<p>MOTEURS :<br \/>\n2024 Volvo D4 (moteur 1)<br \/>\nType de moteur : Inboard<br \/>\nType de carburant : Diesel<br \/>\nHeures de fonctionnement du moteur : 350<br \/>\nPuissance : 320 hp<br \/>\nType d&rsquo;entra\u00eenement : Entra\u00eenement en V<br \/>\nType d&rsquo;h\u00e9lice : 3 pales<br \/>\nMat\u00e9riau de l&rsquo;h\u00e9lice : Bronze<\/p>\n<p>2024 Volvo D4 (Moteur 2)<br \/>\nType de moteur : Inboard<br \/>\nType de carburant : Diesel<br \/>\nHeures de fonctionnement du moteur : 350<br \/>\nPuissance : 320 hp<br \/>\nType d&rsquo;entra\u00eenement : Entra\u00eenement en V<br \/>\nType d&rsquo;h\u00e9lice : 3 pales<br \/>\nMat\u00e9riau de l&rsquo;h\u00e9lice : Bronze<\/p>\n<p>&nbsp;<\/p>\n<div class=\"html-content-description\">\n<div class=\"content-box\">\n<div class=\"column-container cols-3\">\n<div class=\"column\">\n<div class=\"column-item\">\n<div class=\"content-box\">\n<div class=\"column-container cols-3\">\n<div class=\"column\">\n<div class=\"column-item\">\n<div><\/div>\n<div>\n<div class=\"tiled-gallery type-rectangular tiled-gallery-unresized\" data-original-width=\"700\" data-carousel-extra='{&quot;blog_id&quot;:1,&quot;permalink&quot;:&quot;https:\\\/\\\/itayachtscanada.com\\\/fr\\\/listing\\\/prestige-m48-2024-e1567000-euros-for-sale\\\/&quot;,&quot;likes_blog_id&quot;:198557287}' itemscope itemtype=\"http:\/\/schema.org\/ImageGallery\" > <div class=\"gallery-row\" style=\"width: 700px; height: 576px;\" data-original-width=\"700\" data-original-height=\"576\" > <div class=\"gallery-group images-2\" style=\"width: 371px; height: 576px;\" data-original-width=\"371\" data-original-height=\"576\" > <div class=\"tiled-gallery-item tiled-gallery-item-large\" itemprop=\"associatedMedia\" itemscope itemtype=\"http:\/\/schema.org\/ImageObject\"> <a href=\"https:\/\/itayachtscanada.com\/fr\/listing\/prestige-m48-2024-e1567000-euros-for-sale\/capture-decran-le-2024-10-24-a-16-13-02\/\" border=\"0\" itemprop=\"url\"> <meta itemprop=\"width\" content=\"367\"> <meta itemprop=\"height\" content=\"300\"> <img decoding=\"async\" class=\"\" data-attachment-id=\"182231\" data-orig-file=\"https:\/\/itayachtscanada.com\/wp-content\/uploads\/2024\/10\/Capture-decran-le-2024-10-24-a-16.13.02.jpg\" data-orig-size=\"1422,1162\" data-comments-opened=\"1\" data-image-meta=\"{&quot;aperture&quot;:&quot;0&quot;,&quot;credit&quot;:&quot;&quot;,&quot;camera&quot;:&quot;&quot;,&quot;caption&quot;:&quot;&quot;,&quot;created_timestamp&quot;:&quot;0&quot;,&quot;copyright&quot;:&quot;&quot;,&quot;focal_length&quot;:&quot;0&quot;,&quot;iso&quot;:&quot;0&quot;,&quot;shutter_speed&quot;:&quot;0&quot;,&quot;title&quot;:&quot;&quot;,&quot;orientation&quot;:&quot;0&quot;}\" data-image-title=\"Capture d\u2019e\u0301cran, le 2024-10-24 a\u0300 16.13.02\" data-image-description=\"\" data-medium-file=\"https:\/\/i0.wp.com\/itayachtscanada.com\/wp-content\/uploads\/2024\/10\/Capture-decran-le-2024-10-24-a-16.13.02.jpg?fit=300%2C245&#038;ssl=1\" data-large-file=\"https:\/\/i0.wp.com\/itayachtscanada.com\/wp-content\/uploads\/2024\/10\/Capture-decran-le-2024-10-24-a-16.13.02.jpg?fit=700%2C572&#038;ssl=1\" src=\"https:\/\/i0.wp.com\/itayachtscanada.com\/wp-content\/uploads\/2024\/10\/Capture-decran-le-2024-10-24-a-16.13.02.jpg?w=367&#038;h=300&#038;ssl=1\" srcset=\"https:\/\/i0.wp.com\/itayachtscanada.com\/wp-content\/uploads\/2024\/10\/Capture-decran-le-2024-10-24-a-16.13.02.jpg?w=1422&amp;ssl=1 1422w, https:\/\/i0.wp.com\/itayachtscanada.com\/wp-content\/uploads\/2024\/10\/Capture-decran-le-2024-10-24-a-16.13.02.jpg?resize=300%2C245&amp;ssl=1 300w, https:\/\/i0.wp.com\/itayachtscanada.com\/wp-content\/uploads\/2024\/10\/Capture-decran-le-2024-10-24-a-16.13.02.jpg?resize=1024%2C837&amp;ssl=1 1024w, https:\/\/i0.wp.com\/itayachtscanada.com\/wp-content\/uploads\/2024\/10\/Capture-decran-le-2024-10-24-a-16.13.02.jpg?resize=768%2C628&amp;ssl=1 768w, https:\/\/i0.wp.com\/itayachtscanada.com\/wp-content\/uploads\/2024\/10\/Capture-decran-le-2024-10-24-a-16.13.02.jpg?resize=700%2C572&amp;ssl=1 700w, https:\/\/i0.wp.com\/itayachtscanada.com\/wp-content\/uploads\/2024\/10\/Capture-decran-le-2024-10-24-a-16.13.02.jpg?resize=490%2C400&amp;ssl=1 490w\" width=\"367\" height=\"300\" loading=\"lazy\" data-original-width=\"367\" data-original-height=\"300\" itemprop=\"http:\/\/schema.org\/image\" title=\"Capture d\u2019e\u0301cran, le 2024-10-24 a\u0300 16.13.02\" alt=\"Capture d\u2019e\u0301cran, le 2024-10-24 a\u0300 16.13.02\" style=\"width: 367px; height: 300px;\" \/> <\/a> <\/div> <div class=\"tiled-gallery-item tiled-gallery-item-large\" itemprop=\"associatedMedia\" itemscope itemtype=\"http:\/\/schema.org\/ImageObject\"> <a href=\"https:\/\/itayachtscanada.com\/fr\/listing\/prestige-m48-2024-e1567000-euros-for-sale\/capture-decran-le-2024-10-24-a-16-12-27\/\" border=\"0\" itemprop=\"url\"> <meta itemprop=\"width\" content=\"367\"> <meta itemprop=\"height\" content=\"268\"> <img decoding=\"async\" class=\"\" data-attachment-id=\"182232\" data-orig-file=\"https:\/\/itayachtscanada.com\/wp-content\/uploads\/2024\/10\/Capture-decran-le-2024-10-24-a-16.12.27.jpg\" data-orig-size=\"1378,1008\" data-comments-opened=\"1\" data-image-meta=\"{&quot;aperture&quot;:&quot;0&quot;,&quot;credit&quot;:&quot;&quot;,&quot;camera&quot;:&quot;&quot;,&quot;caption&quot;:&quot;&quot;,&quot;created_timestamp&quot;:&quot;0&quot;,&quot;copyright&quot;:&quot;&quot;,&quot;focal_length&quot;:&quot;0&quot;,&quot;iso&quot;:&quot;0&quot;,&quot;shutter_speed&quot;:&quot;0&quot;,&quot;title&quot;:&quot;&quot;,&quot;orientation&quot;:&quot;0&quot;}\" data-image-title=\"Capture d\u2019e\u0301cran, le 2024-10-24 a\u0300 16.12.27\" data-image-description=\"\" data-medium-file=\"https:\/\/i0.wp.com\/itayachtscanada.com\/wp-content\/uploads\/2024\/10\/Capture-decran-le-2024-10-24-a-16.12.27.jpg?fit=300%2C219&#038;ssl=1\" data-large-file=\"https:\/\/i0.wp.com\/itayachtscanada.com\/wp-content\/uploads\/2024\/10\/Capture-decran-le-2024-10-24-a-16.12.27.jpg?fit=700%2C512&#038;ssl=1\" src=\"https:\/\/i0.wp.com\/itayachtscanada.com\/wp-content\/uploads\/2024\/10\/Capture-decran-le-2024-10-24-a-16.12.27.jpg?w=367&#038;h=268&#038;ssl=1\" srcset=\"https:\/\/i0.wp.com\/itayachtscanada.com\/wp-content\/uploads\/2024\/10\/Capture-decran-le-2024-10-24-a-16.12.27.jpg?w=1378&amp;ssl=1 1378w, https:\/\/i0.wp.com\/itayachtscanada.com\/wp-content\/uploads\/2024\/10\/Capture-decran-le-2024-10-24-a-16.12.27.jpg?resize=300%2C219&amp;ssl=1 300w, https:\/\/i0.wp.com\/itayachtscanada.com\/wp-content\/uploads\/2024\/10\/Capture-decran-le-2024-10-24-a-16.12.27.jpg?resize=1024%2C749&amp;ssl=1 1024w, https:\/\/i0.wp.com\/itayachtscanada.com\/wp-content\/uploads\/2024\/10\/Capture-decran-le-2024-10-24-a-16.12.27.jpg?resize=768%2C562&amp;ssl=1 768w, https:\/\/i0.wp.com\/itayachtscanada.com\/wp-content\/uploads\/2024\/10\/Capture-decran-le-2024-10-24-a-16.12.27.jpg?resize=700%2C512&amp;ssl=1 700w, https:\/\/i0.wp.com\/itayachtscanada.com\/wp-content\/uploads\/2024\/10\/Capture-decran-le-2024-10-24-a-16.12.27.jpg?resize=547%2C400&amp;ssl=1 547w\" width=\"367\" height=\"268\" loading=\"lazy\" data-original-width=\"367\" data-original-height=\"268\" itemprop=\"http:\/\/schema.org\/image\" title=\"Capture d\u2019e\u0301cran, le 2024-10-24 a\u0300 16.12.27\" alt=\"Capture d\u2019e\u0301cran, le 2024-10-24 a\u0300 16.12.27\" style=\"width: 367px; height: 268px;\" \/> <\/a> <\/div> <\/div> <!-- close group --> <div class=\"gallery-group images-1\" style=\"width: 329px; height: 576px;\" data-original-width=\"329\" data-original-height=\"576\" > <div class=\"tiled-gallery-item tiled-gallery-item-large\" itemprop=\"associatedMedia\" itemscope itemtype=\"http:\/\/schema.org\/ImageObject\"> <a href=\"https:\/\/itayachtscanada.com\/fr\/listing\/prestige-m48-2024-e1567000-euros-for-sale\/capture-decran-le-2024-10-24-a-16-10-02\/\" border=\"0\" itemprop=\"url\"> <meta itemprop=\"width\" content=\"325\"> <meta itemprop=\"height\" content=\"572\"> <img decoding=\"async\" class=\"\" data-attachment-id=\"182242\" data-orig-file=\"https:\/\/itayachtscanada.com\/wp-content\/uploads\/2024\/10\/Capture-decran-le-2024-10-24-a-16.10.02.jpg\" data-orig-size=\"574,1008\" data-comments-opened=\"1\" data-image-meta=\"{&quot;aperture&quot;:&quot;0&quot;,&quot;credit&quot;:&quot;&quot;,&quot;camera&quot;:&quot;&quot;,&quot;caption&quot;:&quot;&quot;,&quot;created_timestamp&quot;:&quot;0&quot;,&quot;copyright&quot;:&quot;&quot;,&quot;focal_length&quot;:&quot;0&quot;,&quot;iso&quot;:&quot;0&quot;,&quot;shutter_speed&quot;:&quot;0&quot;,&quot;title&quot;:&quot;&quot;,&quot;orientation&quot;:&quot;0&quot;}\" data-image-title=\"Capture d\u2019e\u0301cran, le 2024-10-24 a\u0300 16.10.02\" data-image-description=\"\" data-medium-file=\"https:\/\/i0.wp.com\/itayachtscanada.com\/wp-content\/uploads\/2024\/10\/Capture-decran-le-2024-10-24-a-16.10.02.jpg?fit=171%2C300&#038;ssl=1\" data-large-file=\"https:\/\/i0.wp.com\/itayachtscanada.com\/wp-content\/uploads\/2024\/10\/Capture-decran-le-2024-10-24-a-16.10.02.jpg?fit=574%2C1008&#038;ssl=1\" src=\"https:\/\/i0.wp.com\/itayachtscanada.com\/wp-content\/uploads\/2024\/10\/Capture-decran-le-2024-10-24-a-16.10.02.jpg?w=325&#038;h=572&#038;ssl=1\" srcset=\"https:\/\/i0.wp.com\/itayachtscanada.com\/wp-content\/uploads\/2024\/10\/Capture-decran-le-2024-10-24-a-16.10.02.jpg?w=574&amp;ssl=1 574w, https:\/\/i0.wp.com\/itayachtscanada.com\/wp-content\/uploads\/2024\/10\/Capture-decran-le-2024-10-24-a-16.10.02.jpg?resize=171%2C300&amp;ssl=1 171w, https:\/\/i0.wp.com\/itayachtscanada.com\/wp-content\/uploads\/2024\/10\/Capture-decran-le-2024-10-24-a-16.10.02.jpg?resize=228%2C400&amp;ssl=1 228w\" width=\"325\" height=\"572\" loading=\"lazy\" data-original-width=\"325\" data-original-height=\"572\" itemprop=\"http:\/\/schema.org\/image\" title=\"Capture d\u2019e\u0301cran, le 2024-10-24 a\u0300 16.10.02\" alt=\"Capture d\u2019e\u0301cran, le 2024-10-24 a\u0300 16.10.02\" style=\"width: 325px; height: 572px;\" \/> <\/a> <\/div> <\/div> <!-- close group --> <\/div> <!-- close row --> <div class=\"gallery-row\" style=\"width: 700px; height: 242px;\" data-original-width=\"700\" data-original-height=\"242\" > <div class=\"gallery-group images-1\" style=\"width: 243px; height: 242px;\" data-original-width=\"243\" data-original-height=\"242\" > <div class=\"tiled-gallery-item tiled-gallery-item-small\" itemprop=\"associatedMedia\" itemscope itemtype=\"http:\/\/schema.org\/ImageObject\"> <a href=\"https:\/\/itayachtscanada.com\/fr\/listing\/prestige-m48-2024-e1567000-euros-for-sale\/capture-decran-le-2024-10-24-a-16-09-50\/\" border=\"0\" itemprop=\"url\"> <meta itemprop=\"width\" content=\"239\"> <meta itemprop=\"height\" content=\"238\"> <img decoding=\"async\" class=\"\" data-attachment-id=\"182243\" data-orig-file=\"https:\/\/itayachtscanada.com\/wp-content\/uploads\/2024\/10\/Capture-decran-le-2024-10-24-a-16.09.50.jpg\" data-orig-size=\"1014,1008\" data-comments-opened=\"1\" data-image-meta=\"{&quot;aperture&quot;:&quot;0&quot;,&quot;credit&quot;:&quot;&quot;,&quot;camera&quot;:&quot;&quot;,&quot;caption&quot;:&quot;&quot;,&quot;created_timestamp&quot;:&quot;0&quot;,&quot;copyright&quot;:&quot;&quot;,&quot;focal_length&quot;:&quot;0&quot;,&quot;iso&quot;:&quot;0&quot;,&quot;shutter_speed&quot;:&quot;0&quot;,&quot;title&quot;:&quot;&quot;,&quot;orientation&quot;:&quot;0&quot;}\" data-image-title=\"Capture d\u2019e\u0301cran, le 2024-10-24 a\u0300 16.09.50\" data-image-description=\"\" data-medium-file=\"https:\/\/i0.wp.com\/itayachtscanada.com\/wp-content\/uploads\/2024\/10\/Capture-decran-le-2024-10-24-a-16.09.50.jpg?fit=300%2C298&#038;ssl=1\" data-large-file=\"https:\/\/i0.wp.com\/itayachtscanada.com\/wp-content\/uploads\/2024\/10\/Capture-decran-le-2024-10-24-a-16.09.50.jpg?fit=700%2C696&#038;ssl=1\" src=\"https:\/\/i0.wp.com\/itayachtscanada.com\/wp-content\/uploads\/2024\/10\/Capture-decran-le-2024-10-24-a-16.09.50.jpg?w=239&#038;h=238&#038;ssl=1\" srcset=\"https:\/\/i0.wp.com\/itayachtscanada.com\/wp-content\/uploads\/2024\/10\/Capture-decran-le-2024-10-24-a-16.09.50.jpg?w=1014&amp;ssl=1 1014w, https:\/\/i0.wp.com\/itayachtscanada.com\/wp-content\/uploads\/2024\/10\/Capture-decran-le-2024-10-24-a-16.09.50.jpg?resize=300%2C298&amp;ssl=1 300w, https:\/\/i0.wp.com\/itayachtscanada.com\/wp-content\/uploads\/2024\/10\/Capture-decran-le-2024-10-24-a-16.09.50.jpg?resize=150%2C150&amp;ssl=1 150w, https:\/\/i0.wp.com\/itayachtscanada.com\/wp-content\/uploads\/2024\/10\/Capture-decran-le-2024-10-24-a-16.09.50.jpg?resize=768%2C763&amp;ssl=1 768w, https:\/\/i0.wp.com\/itayachtscanada.com\/wp-content\/uploads\/2024\/10\/Capture-decran-le-2024-10-24-a-16.09.50.jpg?resize=60%2C60&amp;ssl=1 60w, https:\/\/i0.wp.com\/itayachtscanada.com\/wp-content\/uploads\/2024\/10\/Capture-decran-le-2024-10-24-a-16.09.50.jpg?resize=80%2C80&amp;ssl=1 80w, https:\/\/i0.wp.com\/itayachtscanada.com\/wp-content\/uploads\/2024\/10\/Capture-decran-le-2024-10-24-a-16.09.50.jpg?resize=700%2C696&amp;ssl=1 700w, https:\/\/i0.wp.com\/itayachtscanada.com\/wp-content\/uploads\/2024\/10\/Capture-decran-le-2024-10-24-a-16.09.50.jpg?resize=100%2C100&amp;ssl=1 100w, https:\/\/i0.wp.com\/itayachtscanada.com\/wp-content\/uploads\/2024\/10\/Capture-decran-le-2024-10-24-a-16.09.50.jpg?resize=402%2C400&amp;ssl=1 402w, https:\/\/i0.wp.com\/itayachtscanada.com\/wp-content\/uploads\/2024\/10\/Capture-decran-le-2024-10-24-a-16.09.50.jpg?resize=50%2C50&amp;ssl=1 50w\" width=\"239\" height=\"238\" loading=\"lazy\" data-original-width=\"239\" data-original-height=\"238\" itemprop=\"http:\/\/schema.org\/image\" title=\"Capture d\u2019e\u0301cran, le 2024-10-24 a\u0300 16.09.50\" alt=\"Capture d\u2019e\u0301cran, le 2024-10-24 a\u0300 16.09.50\" style=\"width: 239px; height: 238px;\" \/> <\/a> <\/div> <\/div> <!-- close group --> <div class=\"gallery-group images-1\" style=\"width: 179px; height: 242px;\" data-original-width=\"179\" data-original-height=\"242\" > <div class=\"tiled-gallery-item tiled-gallery-item-small\" itemprop=\"associatedMedia\" itemscope itemtype=\"http:\/\/schema.org\/ImageObject\"> <a href=\"https:\/\/itayachtscanada.com\/fr\/listing\/prestige-m48-2024-e1567000-euros-for-sale\/capture-decran-le-2024-10-24-a-16-12-18\/\" border=\"0\" itemprop=\"url\"> <meta itemprop=\"width\" content=\"175\"> <meta itemprop=\"height\" content=\"238\"> <img decoding=\"async\" class=\"\" data-attachment-id=\"182233\" data-orig-file=\"https:\/\/itayachtscanada.com\/wp-content\/uploads\/2024\/10\/Capture-decran-le-2024-10-24-a-16.12.18.jpg\" data-orig-size=\"740,1008\" data-comments-opened=\"1\" data-image-meta=\"{&quot;aperture&quot;:&quot;0&quot;,&quot;credit&quot;:&quot;&quot;,&quot;camera&quot;:&quot;&quot;,&quot;caption&quot;:&quot;&quot;,&quot;created_timestamp&quot;:&quot;0&quot;,&quot;copyright&quot;:&quot;&quot;,&quot;focal_length&quot;:&quot;0&quot;,&quot;iso&quot;:&quot;0&quot;,&quot;shutter_speed&quot;:&quot;0&quot;,&quot;title&quot;:&quot;&quot;,&quot;orientation&quot;:&quot;0&quot;}\" data-image-title=\"Capture d\u2019e\u0301cran, le 2024-10-24 a\u0300 16.12.18\" data-image-description=\"\" data-medium-file=\"https:\/\/i0.wp.com\/itayachtscanada.com\/wp-content\/uploads\/2024\/10\/Capture-decran-le-2024-10-24-a-16.12.18.jpg?fit=220%2C300&#038;ssl=1\" data-large-file=\"https:\/\/i0.wp.com\/itayachtscanada.com\/wp-content\/uploads\/2024\/10\/Capture-decran-le-2024-10-24-a-16.12.18.jpg?fit=700%2C954&#038;ssl=1\" src=\"https:\/\/i0.wp.com\/itayachtscanada.com\/wp-content\/uploads\/2024\/10\/Capture-decran-le-2024-10-24-a-16.12.18.jpg?w=175&#038;h=238&#038;ssl=1\" srcset=\"https:\/\/i0.wp.com\/itayachtscanada.com\/wp-content\/uploads\/2024\/10\/Capture-decran-le-2024-10-24-a-16.12.18.jpg?w=740&amp;ssl=1 740w, https:\/\/i0.wp.com\/itayachtscanada.com\/wp-content\/uploads\/2024\/10\/Capture-decran-le-2024-10-24-a-16.12.18.jpg?resize=220%2C300&amp;ssl=1 220w, https:\/\/i0.wp.com\/itayachtscanada.com\/wp-content\/uploads\/2024\/10\/Capture-decran-le-2024-10-24-a-16.12.18.jpg?resize=700%2C954&amp;ssl=1 700w, https:\/\/i0.wp.com\/itayachtscanada.com\/wp-content\/uploads\/2024\/10\/Capture-decran-le-2024-10-24-a-16.12.18.jpg?resize=294%2C400&amp;ssl=1 294w\" width=\"175\" height=\"238\" loading=\"lazy\" data-original-width=\"175\" data-original-height=\"238\" itemprop=\"http:\/\/schema.org\/image\" title=\"Capture d\u2019e\u0301cran, le 2024-10-24 a\u0300 16.12.18\" alt=\"Capture d\u2019e\u0301cran, le 2024-10-24 a\u0300 16.12.18\" style=\"width: 175px; height: 238px;\" \/> <\/a> <\/div> <\/div> <!-- close group --> <div class=\"gallery-group images-1\" style=\"width: 139px; height: 242px;\" data-original-width=\"139\" data-original-height=\"242\" > <div class=\"tiled-gallery-item tiled-gallery-item-small\" itemprop=\"associatedMedia\" itemscope itemtype=\"http:\/\/schema.org\/ImageObject\"> <a href=\"https:\/\/itayachtscanada.com\/fr\/listing\/prestige-m48-2024-e1567000-euros-for-sale\/capture-decran-le-2024-10-24-a-16-11-42\/\" border=\"0\" itemprop=\"url\"> <meta itemprop=\"width\" content=\"135\"> <meta itemprop=\"height\" content=\"238\"> <img decoding=\"async\" class=\"\" data-attachment-id=\"182235\" data-orig-file=\"https:\/\/itayachtscanada.com\/wp-content\/uploads\/2024\/10\/Capture-decran-le-2024-10-24-a-16.11.42.jpg\" data-orig-size=\"574,1008\" data-comments-opened=\"1\" data-image-meta=\"{&quot;aperture&quot;:&quot;0&quot;,&quot;credit&quot;:&quot;&quot;,&quot;camera&quot;:&quot;&quot;,&quot;caption&quot;:&quot;&quot;,&quot;created_timestamp&quot;:&quot;0&quot;,&quot;copyright&quot;:&quot;&quot;,&quot;focal_length&quot;:&quot;0&quot;,&quot;iso&quot;:&quot;0&quot;,&quot;shutter_speed&quot;:&quot;0&quot;,&quot;title&quot;:&quot;&quot;,&quot;orientation&quot;:&quot;0&quot;}\" data-image-title=\"Capture d\u2019e\u0301cran, le 2024-10-24 a\u0300 16.11.42\" data-image-description=\"\" data-medium-file=\"https:\/\/i0.wp.com\/itayachtscanada.com\/wp-content\/uploads\/2024\/10\/Capture-decran-le-2024-10-24-a-16.11.42.jpg?fit=171%2C300&#038;ssl=1\" data-large-file=\"https:\/\/i0.wp.com\/itayachtscanada.com\/wp-content\/uploads\/2024\/10\/Capture-decran-le-2024-10-24-a-16.11.42.jpg?fit=574%2C1008&#038;ssl=1\" src=\"https:\/\/i0.wp.com\/itayachtscanada.com\/wp-content\/uploads\/2024\/10\/Capture-decran-le-2024-10-24-a-16.11.42.jpg?w=135&#038;h=238&#038;ssl=1\" srcset=\"https:\/\/i0.wp.com\/itayachtscanada.com\/wp-content\/uploads\/2024\/10\/Capture-decran-le-2024-10-24-a-16.11.42.jpg?w=574&amp;ssl=1 574w, https:\/\/i0.wp.com\/itayachtscanada.com\/wp-content\/uploads\/2024\/10\/Capture-decran-le-2024-10-24-a-16.11.42.jpg?resize=171%2C300&amp;ssl=1 171w, https:\/\/i0.wp.com\/itayachtscanada.com\/wp-content\/uploads\/2024\/10\/Capture-decran-le-2024-10-24-a-16.11.42.jpg?resize=228%2C400&amp;ssl=1 228w\" width=\"135\" height=\"238\" loading=\"lazy\" data-original-width=\"135\" data-original-height=\"238\" itemprop=\"http:\/\/schema.org\/image\" title=\"Capture d\u2019e\u0301cran, le 2024-10-24 a\u0300 16.11.42\" alt=\"Capture d\u2019e\u0301cran, le 2024-10-24 a\u0300 16.11.42\" style=\"width: 135px; height: 238px;\" \/> <\/a> <\/div> <\/div> <!-- close group --> <div class=\"gallery-group images-1\" style=\"width: 139px; height: 242px;\" data-original-width=\"139\" data-original-height=\"242\" > <div class=\"tiled-gallery-item tiled-gallery-item-small\" itemprop=\"associatedMedia\" itemscope itemtype=\"http:\/\/schema.org\/ImageObject\"> <a href=\"https:\/\/itayachtscanada.com\/fr\/listing\/prestige-m48-2024-e1567000-euros-for-sale\/capture-decran-le-2024-10-24-a-16-10-37\/\" border=\"0\" itemprop=\"url\"> <meta itemprop=\"width\" content=\"135\"> <meta itemprop=\"height\" content=\"238\"> <img decoding=\"async\" class=\"\" data-attachment-id=\"182239\" data-orig-file=\"https:\/\/itayachtscanada.com\/wp-content\/uploads\/2024\/10\/Capture-decran-le-2024-10-24-a-16.10.37.jpg\" data-orig-size=\"574,1008\" data-comments-opened=\"1\" data-image-meta=\"{&quot;aperture&quot;:&quot;0&quot;,&quot;credit&quot;:&quot;&quot;,&quot;camera&quot;:&quot;&quot;,&quot;caption&quot;:&quot;&quot;,&quot;created_timestamp&quot;:&quot;0&quot;,&quot;copyright&quot;:&quot;&quot;,&quot;focal_length&quot;:&quot;0&quot;,&quot;iso&quot;:&quot;0&quot;,&quot;shutter_speed&quot;:&quot;0&quot;,&quot;title&quot;:&quot;&quot;,&quot;orientation&quot;:&quot;0&quot;}\" data-image-title=\"Capture d\u2019e\u0301cran, le 2024-10-24 a\u0300 16.10.37\" data-image-description=\"\" data-medium-file=\"https:\/\/i0.wp.com\/itayachtscanada.com\/wp-content\/uploads\/2024\/10\/Capture-decran-le-2024-10-24-a-16.10.37.jpg?fit=171%2C300&#038;ssl=1\" data-large-file=\"https:\/\/i0.wp.com\/itayachtscanada.com\/wp-content\/uploads\/2024\/10\/Capture-decran-le-2024-10-24-a-16.10.37.jpg?fit=574%2C1008&#038;ssl=1\" src=\"https:\/\/i0.wp.com\/itayachtscanada.com\/wp-content\/uploads\/2024\/10\/Capture-decran-le-2024-10-24-a-16.10.37.jpg?w=135&#038;h=238&#038;ssl=1\" srcset=\"https:\/\/i0.wp.com\/itayachtscanada.com\/wp-content\/uploads\/2024\/10\/Capture-decran-le-2024-10-24-a-16.10.37.jpg?w=574&amp;ssl=1 574w, https:\/\/i0.wp.com\/itayachtscanada.com\/wp-content\/uploads\/2024\/10\/Capture-decran-le-2024-10-24-a-16.10.37.jpg?resize=171%2C300&amp;ssl=1 171w, https:\/\/i0.wp.com\/itayachtscanada.com\/wp-content\/uploads\/2024\/10\/Capture-decran-le-2024-10-24-a-16.10.37.jpg?resize=228%2C400&amp;ssl=1 228w\" width=\"135\" height=\"238\" loading=\"lazy\" data-original-width=\"135\" data-original-height=\"238\" itemprop=\"http:\/\/schema.org\/image\" title=\"Capture d\u2019e\u0301cran, le 2024-10-24 a\u0300 16.10.37\" alt=\"Capture d\u2019e\u0301cran, le 2024-10-24 a\u0300 16.10.37\" style=\"width: 135px; height: 238px;\" \/> <\/a> <\/div> <\/div> <!-- close group --> <\/div> <!-- close row --> <div class=\"gallery-row\" style=\"width: 700px; height: 612px;\" data-original-width=\"700\" data-original-height=\"612\" > <div class=\"gallery-group images-1\" style=\"width: 350px; height: 612px;\" data-original-width=\"350\" data-original-height=\"612\" > <div class=\"tiled-gallery-item tiled-gallery-item-large\" itemprop=\"associatedMedia\" itemscope itemtype=\"http:\/\/schema.org\/ImageObject\"> <a href=\"https:\/\/itayachtscanada.com\/fr\/listing\/prestige-m48-2024-e1567000-euros-for-sale\/capture-decran-le-2024-10-24-a-16-10-23\/\" border=\"0\" itemprop=\"url\"> <meta itemprop=\"width\" content=\"346\"> <meta itemprop=\"height\" content=\"608\"> <img decoding=\"async\" class=\"\" data-attachment-id=\"182240\" data-orig-file=\"https:\/\/itayachtscanada.com\/wp-content\/uploads\/2024\/10\/Capture-decran-le-2024-10-24-a-16.10.23.jpg\" data-orig-size=\"574,1008\" data-comments-opened=\"1\" data-image-meta=\"{&quot;aperture&quot;:&quot;0&quot;,&quot;credit&quot;:&quot;&quot;,&quot;camera&quot;:&quot;&quot;,&quot;caption&quot;:&quot;&quot;,&quot;created_timestamp&quot;:&quot;0&quot;,&quot;copyright&quot;:&quot;&quot;,&quot;focal_length&quot;:&quot;0&quot;,&quot;iso&quot;:&quot;0&quot;,&quot;shutter_speed&quot;:&quot;0&quot;,&quot;title&quot;:&quot;&quot;,&quot;orientation&quot;:&quot;0&quot;}\" data-image-title=\"Capture d\u2019e\u0301cran, le 2024-10-24 a\u0300 16.10.23\" data-image-description=\"\" data-medium-file=\"https:\/\/i0.wp.com\/itayachtscanada.com\/wp-content\/uploads\/2024\/10\/Capture-decran-le-2024-10-24-a-16.10.23.jpg?fit=171%2C300&#038;ssl=1\" data-large-file=\"https:\/\/i0.wp.com\/itayachtscanada.com\/wp-content\/uploads\/2024\/10\/Capture-decran-le-2024-10-24-a-16.10.23.jpg?fit=574%2C1008&#038;ssl=1\" src=\"https:\/\/i0.wp.com\/itayachtscanada.com\/wp-content\/uploads\/2024\/10\/Capture-decran-le-2024-10-24-a-16.10.23.jpg?w=346&#038;h=608&#038;ssl=1\" srcset=\"https:\/\/i0.wp.com\/itayachtscanada.com\/wp-content\/uploads\/2024\/10\/Capture-decran-le-2024-10-24-a-16.10.23.jpg?w=574&amp;ssl=1 574w, https:\/\/i0.wp.com\/itayachtscanada.com\/wp-content\/uploads\/2024\/10\/Capture-decran-le-2024-10-24-a-16.10.23.jpg?resize=171%2C300&amp;ssl=1 171w, https:\/\/i0.wp.com\/itayachtscanada.com\/wp-content\/uploads\/2024\/10\/Capture-decran-le-2024-10-24-a-16.10.23.jpg?resize=228%2C400&amp;ssl=1 228w\" width=\"346\" height=\"608\" loading=\"lazy\" data-original-width=\"346\" data-original-height=\"608\" itemprop=\"http:\/\/schema.org\/image\" title=\"Capture d\u2019e\u0301cran, le 2024-10-24 a\u0300 16.10.23\" alt=\"Capture d\u2019e\u0301cran, le 2024-10-24 a\u0300 16.10.23\" style=\"width: 346px; height: 608px;\" \/> <\/a> <\/div> <\/div> <!-- close group --> <div class=\"gallery-group images-1\" style=\"width: 350px; height: 612px;\" data-original-width=\"350\" data-original-height=\"612\" > <div class=\"tiled-gallery-item tiled-gallery-item-large\" itemprop=\"associatedMedia\" itemscope itemtype=\"http:\/\/schema.org\/ImageObject\"> <a href=\"https:\/\/itayachtscanada.com\/fr\/listing\/prestige-m48-2024-e1567000-euros-for-sale\/capture-decran-le-2024-10-24-a-16-11-32\/\" border=\"0\" itemprop=\"url\"> <meta itemprop=\"width\" content=\"346\"> <meta itemprop=\"height\" content=\"608\"> <img decoding=\"async\" class=\"\" data-attachment-id=\"182236\" data-orig-file=\"https:\/\/itayachtscanada.com\/wp-content\/uploads\/2024\/10\/Capture-decran-le-2024-10-24-a-16.11.32.jpg\" data-orig-size=\"574,1008\" data-comments-opened=\"1\" data-image-meta=\"{&quot;aperture&quot;:&quot;0&quot;,&quot;credit&quot;:&quot;&quot;,&quot;camera&quot;:&quot;&quot;,&quot;caption&quot;:&quot;&quot;,&quot;created_timestamp&quot;:&quot;0&quot;,&quot;copyright&quot;:&quot;&quot;,&quot;focal_length&quot;:&quot;0&quot;,&quot;iso&quot;:&quot;0&quot;,&quot;shutter_speed&quot;:&quot;0&quot;,&quot;title&quot;:&quot;&quot;,&quot;orientation&quot;:&quot;0&quot;}\" data-image-title=\"Capture d\u2019e\u0301cran, le 2024-10-24 a\u0300 16.11.32\" data-image-description=\"\" data-medium-file=\"https:\/\/i0.wp.com\/itayachtscanada.com\/wp-content\/uploads\/2024\/10\/Capture-decran-le-2024-10-24-a-16.11.32.jpg?fit=171%2C300&#038;ssl=1\" data-large-file=\"https:\/\/i0.wp.com\/itayachtscanada.com\/wp-content\/uploads\/2024\/10\/Capture-decran-le-2024-10-24-a-16.11.32.jpg?fit=574%2C1008&#038;ssl=1\" src=\"https:\/\/i0.wp.com\/itayachtscanada.com\/wp-content\/uploads\/2024\/10\/Capture-decran-le-2024-10-24-a-16.11.32.jpg?w=346&#038;h=608&#038;ssl=1\" srcset=\"https:\/\/i0.wp.com\/itayachtscanada.com\/wp-content\/uploads\/2024\/10\/Capture-decran-le-2024-10-24-a-16.11.32.jpg?w=574&amp;ssl=1 574w, https:\/\/i0.wp.com\/itayachtscanada.com\/wp-content\/uploads\/2024\/10\/Capture-decran-le-2024-10-24-a-16.11.32.jpg?resize=171%2C300&amp;ssl=1 171w, https:\/\/i0.wp.com\/itayachtscanada.com\/wp-content\/uploads\/2024\/10\/Capture-decran-le-2024-10-24-a-16.11.32.jpg?resize=228%2C400&amp;ssl=1 228w\" width=\"346\" height=\"608\" loading=\"lazy\" data-original-width=\"346\" data-original-height=\"608\" itemprop=\"http:\/\/schema.org\/image\" title=\"Capture d\u2019e\u0301cran, le 2024-10-24 a\u0300 16.11.32\" alt=\"Capture d\u2019e\u0301cran, le 2024-10-24 a\u0300 16.11.32\" style=\"width: 346px; height: 608px;\" \/> <\/a> <\/div> <\/div> <!-- close group --> <\/div> <!-- close row --> <div class=\"gallery-row\" style=\"width: 700px; height: 298px;\" data-original-width=\"700\" data-original-height=\"298\" > <div class=\"gallery-group images-1\" style=\"width: 529px; height: 298px;\" data-original-width=\"529\" data-original-height=\"298\" > <div class=\"tiled-gallery-item tiled-gallery-item-large\" itemprop=\"associatedMedia\" itemscope itemtype=\"http:\/\/schema.org\/ImageObject\"> <a href=\"https:\/\/itayachtscanada.com\/fr\/listing\/prestige-m48-2024-e1567000-euros-for-sale\/capture-decran-le-2024-10-24-a-16-10-45\/\" border=\"0\" itemprop=\"url\"> <meta itemprop=\"width\" content=\"525\"> <meta itemprop=\"height\" content=\"294\"> <img decoding=\"async\" class=\"\" data-attachment-id=\"182238\" data-orig-file=\"https:\/\/itayachtscanada.com\/wp-content\/uploads\/2024\/10\/Capture-decran-le-2024-10-24-a-16.10.45.jpg\" data-orig-size=\"1798,1008\" data-comments-opened=\"1\" data-image-meta=\"{&quot;aperture&quot;:&quot;0&quot;,&quot;credit&quot;:&quot;&quot;,&quot;camera&quot;:&quot;&quot;,&quot;caption&quot;:&quot;&quot;,&quot;created_timestamp&quot;:&quot;0&quot;,&quot;copyright&quot;:&quot;&quot;,&quot;focal_length&quot;:&quot;0&quot;,&quot;iso&quot;:&quot;0&quot;,&quot;shutter_speed&quot;:&quot;0&quot;,&quot;title&quot;:&quot;&quot;,&quot;orientation&quot;:&quot;0&quot;}\" data-image-title=\"Capture d\u2019e\u0301cran, le 2024-10-24 a\u0300 16.10.45\" data-image-description=\"\" data-medium-file=\"https:\/\/i0.wp.com\/itayachtscanada.com\/wp-content\/uploads\/2024\/10\/Capture-decran-le-2024-10-24-a-16.10.45.jpg?fit=300%2C168&#038;ssl=1\" data-large-file=\"https:\/\/i0.wp.com\/itayachtscanada.com\/wp-content\/uploads\/2024\/10\/Capture-decran-le-2024-10-24-a-16.10.45.jpg?fit=700%2C392&#038;ssl=1\" src=\"https:\/\/i0.wp.com\/itayachtscanada.com\/wp-content\/uploads\/2024\/10\/Capture-decran-le-2024-10-24-a-16.10.45.jpg?w=525&#038;h=294&#038;ssl=1\" srcset=\"https:\/\/i0.wp.com\/itayachtscanada.com\/wp-content\/uploads\/2024\/10\/Capture-decran-le-2024-10-24-a-16.10.45.jpg?w=1798&amp;ssl=1 1798w, https:\/\/i0.wp.com\/itayachtscanada.com\/wp-content\/uploads\/2024\/10\/Capture-decran-le-2024-10-24-a-16.10.45.jpg?resize=300%2C168&amp;ssl=1 300w, https:\/\/i0.wp.com\/itayachtscanada.com\/wp-content\/uploads\/2024\/10\/Capture-decran-le-2024-10-24-a-16.10.45.jpg?resize=1024%2C574&amp;ssl=1 1024w, https:\/\/i0.wp.com\/itayachtscanada.com\/wp-content\/uploads\/2024\/10\/Capture-decran-le-2024-10-24-a-16.10.45.jpg?resize=768%2C431&amp;ssl=1 768w, https:\/\/i0.wp.com\/itayachtscanada.com\/wp-content\/uploads\/2024\/10\/Capture-decran-le-2024-10-24-a-16.10.45.jpg?resize=1536%2C861&amp;ssl=1 1536w, https:\/\/i0.wp.com\/itayachtscanada.com\/wp-content\/uploads\/2024\/10\/Capture-decran-le-2024-10-24-a-16.10.45.jpg?resize=700%2C392&amp;ssl=1 700w, https:\/\/i0.wp.com\/itayachtscanada.com\/wp-content\/uploads\/2024\/10\/Capture-decran-le-2024-10-24-a-16.10.45.jpg?resize=713%2C400&amp;ssl=1 713w, https:\/\/i0.wp.com\/itayachtscanada.com\/wp-content\/uploads\/2024\/10\/Capture-decran-le-2024-10-24-a-16.10.45.jpg?w=1400&amp;ssl=1 1400w\" width=\"525\" height=\"294\" loading=\"lazy\" data-original-width=\"525\" data-original-height=\"294\" itemprop=\"http:\/\/schema.org\/image\" title=\"Capture d\u2019e\u0301cran, le 2024-10-24 a\u0300 16.10.45\" alt=\"Capture d\u2019e\u0301cran, le 2024-10-24 a\u0300 16.10.45\" style=\"width: 525px; height: 294px;\" \/> <\/a> <\/div> <\/div> <!-- close group --> <div class=\"gallery-group images-1\" style=\"width: 171px; height: 298px;\" data-original-width=\"171\" data-original-height=\"298\" > <div class=\"tiled-gallery-item tiled-gallery-item-small\" itemprop=\"associatedMedia\" itemscope itemtype=\"http:\/\/schema.org\/ImageObject\"> <a href=\"https:\/\/itayachtscanada.com\/fr\/listing\/prestige-m48-2024-e1567000-euros-for-sale\/capture-decran-le-2024-10-24-a-16-11-05\/\" border=\"0\" itemprop=\"url\"> <meta itemprop=\"width\" content=\"167\"> <meta itemprop=\"height\" content=\"294\"> <img decoding=\"async\" class=\"\" data-attachment-id=\"182237\" data-orig-file=\"https:\/\/itayachtscanada.com\/wp-content\/uploads\/2024\/10\/Capture-decran-le-2024-10-24-a-16.11.05.jpg\" data-orig-size=\"574,1008\" data-comments-opened=\"1\" data-image-meta=\"{&quot;aperture&quot;:&quot;0&quot;,&quot;credit&quot;:&quot;&quot;,&quot;camera&quot;:&quot;&quot;,&quot;caption&quot;:&quot;&quot;,&quot;created_timestamp&quot;:&quot;0&quot;,&quot;copyright&quot;:&quot;&quot;,&quot;focal_length&quot;:&quot;0&quot;,&quot;iso&quot;:&quot;0&quot;,&quot;shutter_speed&quot;:&quot;0&quot;,&quot;title&quot;:&quot;&quot;,&quot;orientation&quot;:&quot;0&quot;}\" data-image-title=\"Capture d\u2019e\u0301cran, le 2024-10-24 a\u0300 16.11.05\" data-image-description=\"\" data-medium-file=\"https:\/\/i0.wp.com\/itayachtscanada.com\/wp-content\/uploads\/2024\/10\/Capture-decran-le-2024-10-24-a-16.11.05.jpg?fit=171%2C300&#038;ssl=1\" data-large-file=\"https:\/\/i0.wp.com\/itayachtscanada.com\/wp-content\/uploads\/2024\/10\/Capture-decran-le-2024-10-24-a-16.11.05.jpg?fit=574%2C1008&#038;ssl=1\" src=\"https:\/\/i0.wp.com\/itayachtscanada.com\/wp-content\/uploads\/2024\/10\/Capture-decran-le-2024-10-24-a-16.11.05.jpg?w=167&#038;h=294&#038;ssl=1\" srcset=\"https:\/\/i0.wp.com\/itayachtscanada.com\/wp-content\/uploads\/2024\/10\/Capture-decran-le-2024-10-24-a-16.11.05.jpg?w=574&amp;ssl=1 574w, https:\/\/i0.wp.com\/itayachtscanada.com\/wp-content\/uploads\/2024\/10\/Capture-decran-le-2024-10-24-a-16.11.05.jpg?resize=171%2C300&amp;ssl=1 171w, https:\/\/i0.wp.com\/itayachtscanada.com\/wp-content\/uploads\/2024\/10\/Capture-decran-le-2024-10-24-a-16.11.05.jpg?resize=228%2C400&amp;ssl=1 228w\" width=\"167\" height=\"294\" loading=\"lazy\" data-original-width=\"167\" data-original-height=\"294\" itemprop=\"http:\/\/schema.org\/image\" title=\"Capture d\u2019e\u0301cran, le 2024-10-24 a\u0300 16.11.05\" alt=\"Capture d\u2019e\u0301cran, le 2024-10-24 a\u0300 16.11.05\" style=\"width: 167px; height: 294px;\" \/> <\/a> <\/div> <\/div> <!-- close group --> <\/div> <!-- close row --> <div class=\"gallery-row\" style=\"width: 700px; height: 584px;\" data-original-width=\"700\" data-original-height=\"584\" > <div class=\"gallery-group images-1\" style=\"width: 366px; height: 584px;\" data-original-width=\"366\" data-original-height=\"584\" > <div class=\"tiled-gallery-item tiled-gallery-item-large\" itemprop=\"associatedMedia\" itemscope itemtype=\"http:\/\/schema.org\/ImageObject\"> <a href=\"https:\/\/itayachtscanada.com\/fr\/listing\/prestige-m48-2024-e1567000-euros-for-sale\/capture-decran-le-2024-10-24-a-16-09-09\/\" border=\"0\" itemprop=\"url\"> <meta itemprop=\"width\" content=\"362\"> <meta itemprop=\"height\" content=\"580\"> <img decoding=\"async\" class=\"\" data-attachment-id=\"182246\" data-orig-file=\"https:\/\/itayachtscanada.com\/wp-content\/uploads\/2024\/10\/Capture-decran-le-2024-10-24-a-16.09.09.jpg\" data-orig-size=\"628,1008\" data-comments-opened=\"1\" data-image-meta=\"{&quot;aperture&quot;:&quot;0&quot;,&quot;credit&quot;:&quot;&quot;,&quot;camera&quot;:&quot;&quot;,&quot;caption&quot;:&quot;&quot;,&quot;created_timestamp&quot;:&quot;0&quot;,&quot;copyright&quot;:&quot;&quot;,&quot;focal_length&quot;:&quot;0&quot;,&quot;iso&quot;:&quot;0&quot;,&quot;shutter_speed&quot;:&quot;0&quot;,&quot;title&quot;:&quot;&quot;,&quot;orientation&quot;:&quot;0&quot;}\" data-image-title=\"Capture d\u2019e\u0301cran, le 2024-10-24 a\u0300 16.09.09\" data-image-description=\"\" data-medium-file=\"https:\/\/i0.wp.com\/itayachtscanada.com\/wp-content\/uploads\/2024\/10\/Capture-decran-le-2024-10-24-a-16.09.09.jpg?fit=187%2C300&#038;ssl=1\" data-large-file=\"https:\/\/i0.wp.com\/itayachtscanada.com\/wp-content\/uploads\/2024\/10\/Capture-decran-le-2024-10-24-a-16.09.09.jpg?fit=628%2C1008&#038;ssl=1\" src=\"https:\/\/i0.wp.com\/itayachtscanada.com\/wp-content\/uploads\/2024\/10\/Capture-decran-le-2024-10-24-a-16.09.09.jpg?w=362&#038;h=580&#038;ssl=1\" srcset=\"https:\/\/i0.wp.com\/itayachtscanada.com\/wp-content\/uploads\/2024\/10\/Capture-decran-le-2024-10-24-a-16.09.09.jpg?w=628&amp;ssl=1 628w, https:\/\/i0.wp.com\/itayachtscanada.com\/wp-content\/uploads\/2024\/10\/Capture-decran-le-2024-10-24-a-16.09.09.jpg?resize=187%2C300&amp;ssl=1 187w, https:\/\/i0.wp.com\/itayachtscanada.com\/wp-content\/uploads\/2024\/10\/Capture-decran-le-2024-10-24-a-16.09.09.jpg?resize=249%2C400&amp;ssl=1 249w\" width=\"362\" height=\"580\" loading=\"lazy\" data-original-width=\"362\" data-original-height=\"580\" itemprop=\"http:\/\/schema.org\/image\" title=\"Capture d\u2019e\u0301cran, le 2024-10-24 a\u0300 16.09.09\" alt=\"Capture d\u2019e\u0301cran, le 2024-10-24 a\u0300 16.09.09\" style=\"width: 362px; height: 580px;\" \/> <\/a> <\/div> <\/div> <!-- close group --> <div class=\"gallery-group images-1\" style=\"width: 334px; height: 584px;\" data-original-width=\"334\" data-original-height=\"584\" > <div class=\"tiled-gallery-item tiled-gallery-item-large\" itemprop=\"associatedMedia\" itemscope itemtype=\"http:\/\/schema.org\/ImageObject\"> <a href=\"https:\/\/itayachtscanada.com\/fr\/listing\/prestige-m48-2024-e1567000-euros-for-sale\/capture-decran-le-2024-10-24-a-16-11-56\/\" border=\"0\" itemprop=\"url\"> <meta itemprop=\"width\" content=\"330\"> <meta itemprop=\"height\" content=\"580\"> <img decoding=\"async\" class=\"\" data-attachment-id=\"182234\" data-orig-file=\"https:\/\/itayachtscanada.com\/wp-content\/uploads\/2024\/10\/Capture-decran-le-2024-10-24-a-16.11.56.jpg\" data-orig-size=\"574,1008\" data-comments-opened=\"1\" data-image-meta=\"{&quot;aperture&quot;:&quot;0&quot;,&quot;credit&quot;:&quot;&quot;,&quot;camera&quot;:&quot;&quot;,&quot;caption&quot;:&quot;&quot;,&quot;created_timestamp&quot;:&quot;0&quot;,&quot;copyright&quot;:&quot;&quot;,&quot;focal_length&quot;:&quot;0&quot;,&quot;iso&quot;:&quot;0&quot;,&quot;shutter_speed&quot;:&quot;0&quot;,&quot;title&quot;:&quot;&quot;,&quot;orientation&quot;:&quot;0&quot;}\" data-image-title=\"Capture d\u2019e\u0301cran, le 2024-10-24 a\u0300 16.11.56\" data-image-description=\"\" data-medium-file=\"https:\/\/i0.wp.com\/itayachtscanada.com\/wp-content\/uploads\/2024\/10\/Capture-decran-le-2024-10-24-a-16.11.56.jpg?fit=171%2C300&#038;ssl=1\" data-large-file=\"https:\/\/i0.wp.com\/itayachtscanada.com\/wp-content\/uploads\/2024\/10\/Capture-decran-le-2024-10-24-a-16.11.56.jpg?fit=574%2C1008&#038;ssl=1\" src=\"https:\/\/i0.wp.com\/itayachtscanada.com\/wp-content\/uploads\/2024\/10\/Capture-decran-le-2024-10-24-a-16.11.56.jpg?w=330&#038;h=580&#038;ssl=1\" srcset=\"https:\/\/i0.wp.com\/itayachtscanada.com\/wp-content\/uploads\/2024\/10\/Capture-decran-le-2024-10-24-a-16.11.56.jpg?w=574&amp;ssl=1 574w, https:\/\/i0.wp.com\/itayachtscanada.com\/wp-content\/uploads\/2024\/10\/Capture-decran-le-2024-10-24-a-16.11.56.jpg?resize=171%2C300&amp;ssl=1 171w, https:\/\/i0.wp.com\/itayachtscanada.com\/wp-content\/uploads\/2024\/10\/Capture-decran-le-2024-10-24-a-16.11.56.jpg?resize=228%2C400&amp;ssl=1 228w\" width=\"330\" height=\"580\" loading=\"lazy\" data-original-width=\"330\" data-original-height=\"580\" itemprop=\"http:\/\/schema.org\/image\" title=\"Capture d\u2019e\u0301cran, le 2024-10-24 a\u0300 16.11.56\" alt=\"Capture d\u2019e\u0301cran, le 2024-10-24 a\u0300 16.11.56\" style=\"width: 330px; height: 580px;\" \/> <\/a> <\/div> <\/div> <!-- close group --> <\/div> <!-- close row --> <div class=\"gallery-row\" style=\"width: 700px; height: 655px;\" data-original-width=\"700\" data-original-height=\"655\" > <div class=\"gallery-group images-3\" style=\"width: 325px; height: 655px;\" data-original-width=\"325\" data-original-height=\"655\" > <div class=\"tiled-gallery-item tiled-gallery-item-large\" itemprop=\"associatedMedia\" itemscope itemtype=\"http:\/\/schema.org\/ImageObject\"> <a href=\"https:\/\/itayachtscanada.com\/fr\/listing\/prestige-m48-2024-e1567000-euros-for-sale\/capture-decran-le-2024-10-24-a-16-09-33\/\" border=\"0\" itemprop=\"url\"> <meta itemprop=\"width\" content=\"321\"> <meta itemprop=\"height\" content=\"179\"> <img decoding=\"async\" class=\"\" data-attachment-id=\"182244\" data-orig-file=\"https:\/\/itayachtscanada.com\/wp-content\/uploads\/2024\/10\/Capture-decran-le-2024-10-24-a-16.09.33.jpg\" data-orig-size=\"1804,1008\" data-comments-opened=\"1\" data-image-meta=\"{&quot;aperture&quot;:&quot;0&quot;,&quot;credit&quot;:&quot;&quot;,&quot;camera&quot;:&quot;&quot;,&quot;caption&quot;:&quot;&quot;,&quot;created_timestamp&quot;:&quot;0&quot;,&quot;copyright&quot;:&quot;&quot;,&quot;focal_length&quot;:&quot;0&quot;,&quot;iso&quot;:&quot;0&quot;,&quot;shutter_speed&quot;:&quot;0&quot;,&quot;title&quot;:&quot;&quot;,&quot;orientation&quot;:&quot;0&quot;}\" data-image-title=\"Capture d\u2019e\u0301cran, le 2024-10-24 a\u0300 16.09.33\" data-image-description=\"\" data-medium-file=\"https:\/\/i0.wp.com\/itayachtscanada.com\/wp-content\/uploads\/2024\/10\/Capture-decran-le-2024-10-24-a-16.09.33.jpg?fit=300%2C168&#038;ssl=1\" data-large-file=\"https:\/\/i0.wp.com\/itayachtscanada.com\/wp-content\/uploads\/2024\/10\/Capture-decran-le-2024-10-24-a-16.09.33.jpg?fit=700%2C391&#038;ssl=1\" src=\"https:\/\/i0.wp.com\/itayachtscanada.com\/wp-content\/uploads\/2024\/10\/Capture-decran-le-2024-10-24-a-16.09.33.jpg?w=321&#038;h=179&#038;ssl=1\" srcset=\"https:\/\/i0.wp.com\/itayachtscanada.com\/wp-content\/uploads\/2024\/10\/Capture-decran-le-2024-10-24-a-16.09.33.jpg?w=1804&amp;ssl=1 1804w, https:\/\/i0.wp.com\/itayachtscanada.com\/wp-content\/uploads\/2024\/10\/Capture-decran-le-2024-10-24-a-16.09.33.jpg?resize=300%2C168&amp;ssl=1 300w, https:\/\/i0.wp.com\/itayachtscanada.com\/wp-content\/uploads\/2024\/10\/Capture-decran-le-2024-10-24-a-16.09.33.jpg?resize=1024%2C572&amp;ssl=1 1024w, https:\/\/i0.wp.com\/itayachtscanada.com\/wp-content\/uploads\/2024\/10\/Capture-decran-le-2024-10-24-a-16.09.33.jpg?resize=768%2C429&amp;ssl=1 768w, https:\/\/i0.wp.com\/itayachtscanada.com\/wp-content\/uploads\/2024\/10\/Capture-decran-le-2024-10-24-a-16.09.33.jpg?resize=1536%2C858&amp;ssl=1 1536w, https:\/\/i0.wp.com\/itayachtscanada.com\/wp-content\/uploads\/2024\/10\/Capture-decran-le-2024-10-24-a-16.09.33.jpg?resize=700%2C391&amp;ssl=1 700w, https:\/\/i0.wp.com\/itayachtscanada.com\/wp-content\/uploads\/2024\/10\/Capture-decran-le-2024-10-24-a-16.09.33.jpg?resize=716%2C400&amp;ssl=1 716w, https:\/\/i0.wp.com\/itayachtscanada.com\/wp-content\/uploads\/2024\/10\/Capture-decran-le-2024-10-24-a-16.09.33.jpg?w=1400&amp;ssl=1 1400w\" width=\"321\" height=\"179\" loading=\"lazy\" data-original-width=\"321\" data-original-height=\"179\" itemprop=\"http:\/\/schema.org\/image\" title=\"Capture d\u2019e\u0301cran, le 2024-10-24 a\u0300 16.09.33\" alt=\"Capture d\u2019e\u0301cran, le 2024-10-24 a\u0300 16.09.33\" style=\"width: 321px; height: 179px;\" \/> <\/a> <\/div> <div class=\"tiled-gallery-item tiled-gallery-item-large\" itemprop=\"associatedMedia\" itemscope itemtype=\"http:\/\/schema.org\/ImageObject\"> <a href=\"https:\/\/itayachtscanada.com\/fr\/listing\/prestige-m48-2024-e1567000-euros-for-sale\/capture-decran-le-2024-10-24-a-16-07-58\/\" border=\"0\" itemprop=\"url\"> <meta itemprop=\"width\" content=\"321\"> <meta itemprop=\"height\" content=\"173\"> <img decoding=\"async\" class=\"\" data-attachment-id=\"182255\" data-orig-file=\"https:\/\/itayachtscanada.com\/wp-content\/uploads\/2024\/10\/Capture-decran-le-2024-10-24-a-16.07.58.jpg\" data-orig-size=\"1870,1008\" data-comments-opened=\"1\" data-image-meta=\"{&quot;aperture&quot;:&quot;0&quot;,&quot;credit&quot;:&quot;&quot;,&quot;camera&quot;:&quot;&quot;,&quot;caption&quot;:&quot;&quot;,&quot;created_timestamp&quot;:&quot;0&quot;,&quot;copyright&quot;:&quot;&quot;,&quot;focal_length&quot;:&quot;0&quot;,&quot;iso&quot;:&quot;0&quot;,&quot;shutter_speed&quot;:&quot;0&quot;,&quot;title&quot;:&quot;&quot;,&quot;orientation&quot;:&quot;0&quot;}\" data-image-title=\"Capture d\u2019e\u0301cran, le 2024-10-24 a\u0300 16.07.58\" data-image-description=\"\" data-medium-file=\"https:\/\/i0.wp.com\/itayachtscanada.com\/wp-content\/uploads\/2024\/10\/Capture-decran-le-2024-10-24-a-16.07.58.jpg?fit=300%2C162&#038;ssl=1\" data-large-file=\"https:\/\/i0.wp.com\/itayachtscanada.com\/wp-content\/uploads\/2024\/10\/Capture-decran-le-2024-10-24-a-16.07.58.jpg?fit=700%2C377&#038;ssl=1\" src=\"https:\/\/i0.wp.com\/itayachtscanada.com\/wp-content\/uploads\/2024\/10\/Capture-decran-le-2024-10-24-a-16.07.58.jpg?w=321&#038;h=173&#038;ssl=1\" srcset=\"https:\/\/i0.wp.com\/itayachtscanada.com\/wp-content\/uploads\/2024\/10\/Capture-decran-le-2024-10-24-a-16.07.58.jpg?w=1870&amp;ssl=1 1870w, https:\/\/i0.wp.com\/itayachtscanada.com\/wp-content\/uploads\/2024\/10\/Capture-decran-le-2024-10-24-a-16.07.58.jpg?resize=300%2C162&amp;ssl=1 300w, https:\/\/i0.wp.com\/itayachtscanada.com\/wp-content\/uploads\/2024\/10\/Capture-decran-le-2024-10-24-a-16.07.58.jpg?resize=1024%2C552&amp;ssl=1 1024w, https:\/\/i0.wp.com\/itayachtscanada.com\/wp-content\/uploads\/2024\/10\/Capture-decran-le-2024-10-24-a-16.07.58.jpg?resize=768%2C414&amp;ssl=1 768w, https:\/\/i0.wp.com\/itayachtscanada.com\/wp-content\/uploads\/2024\/10\/Capture-decran-le-2024-10-24-a-16.07.58.jpg?resize=1536%2C828&amp;ssl=1 1536w, https:\/\/i0.wp.com\/itayachtscanada.com\/wp-content\/uploads\/2024\/10\/Capture-decran-le-2024-10-24-a-16.07.58.jpg?resize=700%2C377&amp;ssl=1 700w, https:\/\/i0.wp.com\/itayachtscanada.com\/wp-content\/uploads\/2024\/10\/Capture-decran-le-2024-10-24-a-16.07.58.jpg?resize=742%2C400&amp;ssl=1 742w, https:\/\/i0.wp.com\/itayachtscanada.com\/wp-content\/uploads\/2024\/10\/Capture-decran-le-2024-10-24-a-16.07.58.jpg?w=1400&amp;ssl=1 1400w\" width=\"321\" height=\"173\" loading=\"lazy\" data-original-width=\"321\" data-original-height=\"173\" itemprop=\"http:\/\/schema.org\/image\" title=\"Capture d\u2019e\u0301cran, le 2024-10-24 a\u0300 16.07.58\" alt=\"Capture d\u2019e\u0301cran, le 2024-10-24 a\u0300 16.07.58\" style=\"width: 321px; height: 173px;\" \/> <\/a> <\/div> <div class=\"tiled-gallery-item tiled-gallery-item-large\" itemprop=\"associatedMedia\" itemscope itemtype=\"http:\/\/schema.org\/ImageObject\"> <a href=\"https:\/\/itayachtscanada.com\/fr\/listing\/prestige-m48-2024-e1567000-euros-for-sale\/capture-decran-le-2024-10-24-a-16-08-58\/\" border=\"0\" itemprop=\"url\"> <meta itemprop=\"width\" content=\"321\"> <meta itemprop=\"height\" content=\"291\"> <img decoding=\"async\" class=\"\" data-attachment-id=\"182247\" data-orig-file=\"https:\/\/itayachtscanada.com\/wp-content\/uploads\/2024\/10\/Capture-decran-le-2024-10-24-a-16.08.58.jpg\" data-orig-size=\"1114,1008\" data-comments-opened=\"1\" data-image-meta=\"{&quot;aperture&quot;:&quot;0&quot;,&quot;credit&quot;:&quot;&quot;,&quot;camera&quot;:&quot;&quot;,&quot;caption&quot;:&quot;&quot;,&quot;created_timestamp&quot;:&quot;0&quot;,&quot;copyright&quot;:&quot;&quot;,&quot;focal_length&quot;:&quot;0&quot;,&quot;iso&quot;:&quot;0&quot;,&quot;shutter_speed&quot;:&quot;0&quot;,&quot;title&quot;:&quot;&quot;,&quot;orientation&quot;:&quot;0&quot;}\" data-image-title=\"Capture d\u2019e\u0301cran, le 2024-10-24 a\u0300 16.08.58\" data-image-description=\"\" data-medium-file=\"https:\/\/i0.wp.com\/itayachtscanada.com\/wp-content\/uploads\/2024\/10\/Capture-decran-le-2024-10-24-a-16.08.58.jpg?fit=300%2C271&#038;ssl=1\" data-large-file=\"https:\/\/i0.wp.com\/itayachtscanada.com\/wp-content\/uploads\/2024\/10\/Capture-decran-le-2024-10-24-a-16.08.58.jpg?fit=700%2C634&#038;ssl=1\" src=\"https:\/\/i0.wp.com\/itayachtscanada.com\/wp-content\/uploads\/2024\/10\/Capture-decran-le-2024-10-24-a-16.08.58.jpg?w=321&#038;h=291&#038;ssl=1\" srcset=\"https:\/\/i0.wp.com\/itayachtscanada.com\/wp-content\/uploads\/2024\/10\/Capture-decran-le-2024-10-24-a-16.08.58.jpg?w=1114&amp;ssl=1 1114w, https:\/\/i0.wp.com\/itayachtscanada.com\/wp-content\/uploads\/2024\/10\/Capture-decran-le-2024-10-24-a-16.08.58.jpg?resize=300%2C271&amp;ssl=1 300w, https:\/\/i0.wp.com\/itayachtscanada.com\/wp-content\/uploads\/2024\/10\/Capture-decran-le-2024-10-24-a-16.08.58.jpg?resize=1024%2C927&amp;ssl=1 1024w, https:\/\/i0.wp.com\/itayachtscanada.com\/wp-content\/uploads\/2024\/10\/Capture-decran-le-2024-10-24-a-16.08.58.jpg?resize=768%2C695&amp;ssl=1 768w, https:\/\/i0.wp.com\/itayachtscanada.com\/wp-content\/uploads\/2024\/10\/Capture-decran-le-2024-10-24-a-16.08.58.jpg?resize=700%2C633&amp;ssl=1 700w, https:\/\/i0.wp.com\/itayachtscanada.com\/wp-content\/uploads\/2024\/10\/Capture-decran-le-2024-10-24-a-16.08.58.jpg?resize=442%2C400&amp;ssl=1 442w\" width=\"321\" height=\"291\" loading=\"lazy\" data-original-width=\"321\" data-original-height=\"291\" itemprop=\"http:\/\/schema.org\/image\" title=\"Capture d\u2019e\u0301cran, le 2024-10-24 a\u0300 16.08.58\" alt=\"Capture d\u2019e\u0301cran, le 2024-10-24 a\u0300 16.08.58\" style=\"width: 321px; height: 291px;\" \/> <\/a> <\/div> <\/div> <!-- close group --> <div class=\"gallery-group images-1\" style=\"width: 375px; height: 655px;\" data-original-width=\"375\" data-original-height=\"655\" > <div class=\"tiled-gallery-item tiled-gallery-item-large\" itemprop=\"associatedMedia\" itemscope itemtype=\"http:\/\/schema.org\/ImageObject\"> <a href=\"https:\/\/itayachtscanada.com\/fr\/listing\/prestige-m48-2024-e1567000-euros-for-sale\/capture-decran-le-2024-10-24-a-16-08-08\/\" border=\"0\" itemprop=\"url\"> <meta itemprop=\"width\" content=\"371\"> <meta itemprop=\"height\" content=\"651\"> <img decoding=\"async\" class=\"\" data-attachment-id=\"182254\" data-orig-file=\"https:\/\/itayachtscanada.com\/wp-content\/uploads\/2024\/10\/Capture-decran-le-2024-10-24-a-16.08.08.jpg\" data-orig-size=\"574,1008\" data-comments-opened=\"1\" data-image-meta=\"{&quot;aperture&quot;:&quot;0&quot;,&quot;credit&quot;:&quot;&quot;,&quot;camera&quot;:&quot;&quot;,&quot;caption&quot;:&quot;&quot;,&quot;created_timestamp&quot;:&quot;0&quot;,&quot;copyright&quot;:&quot;&quot;,&quot;focal_length&quot;:&quot;0&quot;,&quot;iso&quot;:&quot;0&quot;,&quot;shutter_speed&quot;:&quot;0&quot;,&quot;title&quot;:&quot;&quot;,&quot;orientation&quot;:&quot;0&quot;}\" data-image-title=\"Capture d\u2019e\u0301cran, le 2024-10-24 a\u0300 16.08.08\" data-image-description=\"\" data-medium-file=\"https:\/\/i0.wp.com\/itayachtscanada.com\/wp-content\/uploads\/2024\/10\/Capture-decran-le-2024-10-24-a-16.08.08.jpg?fit=171%2C300&#038;ssl=1\" data-large-file=\"https:\/\/i0.wp.com\/itayachtscanada.com\/wp-content\/uploads\/2024\/10\/Capture-decran-le-2024-10-24-a-16.08.08.jpg?fit=574%2C1008&#038;ssl=1\" src=\"https:\/\/i0.wp.com\/itayachtscanada.com\/wp-content\/uploads\/2024\/10\/Capture-decran-le-2024-10-24-a-16.08.08.jpg?w=371&#038;h=651&#038;ssl=1\" srcset=\"https:\/\/i0.wp.com\/itayachtscanada.com\/wp-content\/uploads\/2024\/10\/Capture-decran-le-2024-10-24-a-16.08.08.jpg?w=574&amp;ssl=1 574w, https:\/\/i0.wp.com\/itayachtscanada.com\/wp-content\/uploads\/2024\/10\/Capture-decran-le-2024-10-24-a-16.08.08.jpg?resize=171%2C300&amp;ssl=1 171w, https:\/\/i0.wp.com\/itayachtscanada.com\/wp-content\/uploads\/2024\/10\/Capture-decran-le-2024-10-24-a-16.08.08.jpg?resize=228%2C400&amp;ssl=1 228w\" width=\"371\" height=\"651\" loading=\"lazy\" data-original-width=\"371\" data-original-height=\"651\" itemprop=\"http:\/\/schema.org\/image\" title=\"Capture d\u2019e\u0301cran, le 2024-10-24 a\u0300 16.08.08\" alt=\"Capture d\u2019e\u0301cran, le 2024-10-24 a\u0300 16.08.08\" style=\"width: 371px; height: 651px;\" \/> <\/a> <\/div> <\/div> <!-- close group --> <\/div> <!-- close row --> <div class=\"gallery-row\" style=\"width: 700px; height: 200px;\" data-original-width=\"700\" data-original-height=\"200\" > <div class=\"gallery-group images-1\" style=\"width: 116px; height: 200px;\" data-original-width=\"116\" data-original-height=\"200\" > <div class=\"tiled-gallery-item tiled-gallery-item-small\" itemprop=\"associatedMedia\" itemscope itemtype=\"http:\/\/schema.org\/ImageObject\"> <a href=\"https:\/\/itayachtscanada.com\/fr\/listing\/prestige-m48-2024-e1567000-euros-for-sale\/capture-decran-le-2024-10-24-a-16-09-23\/\" border=\"0\" itemprop=\"url\"> <meta itemprop=\"width\" content=\"112\"> <meta itemprop=\"height\" content=\"196\"> <img decoding=\"async\" class=\"\" data-attachment-id=\"182245\" data-orig-file=\"https:\/\/itayachtscanada.com\/wp-content\/uploads\/2024\/10\/Capture-decran-le-2024-10-24-a-16.09.23.jpg\" data-orig-size=\"574,1008\" data-comments-opened=\"1\" data-image-meta=\"{&quot;aperture&quot;:&quot;0&quot;,&quot;credit&quot;:&quot;&quot;,&quot;camera&quot;:&quot;&quot;,&quot;caption&quot;:&quot;&quot;,&quot;created_timestamp&quot;:&quot;0&quot;,&quot;copyright&quot;:&quot;&quot;,&quot;focal_length&quot;:&quot;0&quot;,&quot;iso&quot;:&quot;0&quot;,&quot;shutter_speed&quot;:&quot;0&quot;,&quot;title&quot;:&quot;&quot;,&quot;orientation&quot;:&quot;0&quot;}\" data-image-title=\"Capture d\u2019e\u0301cran, le 2024-10-24 a\u0300 16.09.23\" data-image-description=\"\" data-medium-file=\"https:\/\/i0.wp.com\/itayachtscanada.com\/wp-content\/uploads\/2024\/10\/Capture-decran-le-2024-10-24-a-16.09.23.jpg?fit=171%2C300&#038;ssl=1\" data-large-file=\"https:\/\/i0.wp.com\/itayachtscanada.com\/wp-content\/uploads\/2024\/10\/Capture-decran-le-2024-10-24-a-16.09.23.jpg?fit=574%2C1008&#038;ssl=1\" src=\"https:\/\/i0.wp.com\/itayachtscanada.com\/wp-content\/uploads\/2024\/10\/Capture-decran-le-2024-10-24-a-16.09.23.jpg?w=112&#038;h=196&#038;ssl=1\" srcset=\"https:\/\/i0.wp.com\/itayachtscanada.com\/wp-content\/uploads\/2024\/10\/Capture-decran-le-2024-10-24-a-16.09.23.jpg?w=574&amp;ssl=1 574w, https:\/\/i0.wp.com\/itayachtscanada.com\/wp-content\/uploads\/2024\/10\/Capture-decran-le-2024-10-24-a-16.09.23.jpg?resize=171%2C300&amp;ssl=1 171w, https:\/\/i0.wp.com\/itayachtscanada.com\/wp-content\/uploads\/2024\/10\/Capture-decran-le-2024-10-24-a-16.09.23.jpg?resize=228%2C400&amp;ssl=1 228w\" width=\"112\" height=\"196\" loading=\"lazy\" data-original-width=\"112\" data-original-height=\"196\" itemprop=\"http:\/\/schema.org\/image\" title=\"Capture d\u2019e\u0301cran, le 2024-10-24 a\u0300 16.09.23\" alt=\"Capture d\u2019e\u0301cran, le 2024-10-24 a\u0300 16.09.23\" style=\"width: 112px; height: 196px;\" \/> <\/a> <\/div> <\/div> <!-- close group --> <div class=\"gallery-group images-1\" style=\"width: 114px; height: 200px;\" data-original-width=\"114\" data-original-height=\"200\" > <div class=\"tiled-gallery-item tiled-gallery-item-small\" itemprop=\"associatedMedia\" itemscope itemtype=\"http:\/\/schema.org\/ImageObject\"> <a href=\"https:\/\/itayachtscanada.com\/fr\/listing\/prestige-m48-2024-e1567000-euros-for-sale\/capture-decran-le-2024-10-24-a-16-08-54\/\" border=\"0\" itemprop=\"url\"> <meta itemprop=\"width\" content=\"110\"> <meta itemprop=\"height\" content=\"196\"> <img decoding=\"async\" class=\"\" data-attachment-id=\"182248\" data-orig-file=\"https:\/\/itayachtscanada.com\/wp-content\/uploads\/2024\/10\/Capture-decran-le-2024-10-24-a-16.08.54.jpg\" data-orig-size=\"568,1008\" data-comments-opened=\"1\" data-image-meta=\"{&quot;aperture&quot;:&quot;0&quot;,&quot;credit&quot;:&quot;&quot;,&quot;camera&quot;:&quot;&quot;,&quot;caption&quot;:&quot;&quot;,&quot;created_timestamp&quot;:&quot;0&quot;,&quot;copyright&quot;:&quot;&quot;,&quot;focal_length&quot;:&quot;0&quot;,&quot;iso&quot;:&quot;0&quot;,&quot;shutter_speed&quot;:&quot;0&quot;,&quot;title&quot;:&quot;&quot;,&quot;orientation&quot;:&quot;0&quot;}\" data-image-title=\"Capture d\u2019e\u0301cran, le 2024-10-24 a\u0300 16.08.54\" data-image-description=\"\" data-medium-file=\"https:\/\/i0.wp.com\/itayachtscanada.com\/wp-content\/uploads\/2024\/10\/Capture-decran-le-2024-10-24-a-16.08.54.jpg?fit=169%2C300&#038;ssl=1\" data-large-file=\"https:\/\/i0.wp.com\/itayachtscanada.com\/wp-content\/uploads\/2024\/10\/Capture-decran-le-2024-10-24-a-16.08.54.jpg?fit=568%2C1008&#038;ssl=1\" src=\"https:\/\/i0.wp.com\/itayachtscanada.com\/wp-content\/uploads\/2024\/10\/Capture-decran-le-2024-10-24-a-16.08.54.jpg?w=110&#038;h=196&#038;ssl=1\" srcset=\"https:\/\/i0.wp.com\/itayachtscanada.com\/wp-content\/uploads\/2024\/10\/Capture-decran-le-2024-10-24-a-16.08.54.jpg?w=568&amp;ssl=1 568w, https:\/\/i0.wp.com\/itayachtscanada.com\/wp-content\/uploads\/2024\/10\/Capture-decran-le-2024-10-24-a-16.08.54.jpg?resize=169%2C300&amp;ssl=1 169w, https:\/\/i0.wp.com\/itayachtscanada.com\/wp-content\/uploads\/2024\/10\/Capture-decran-le-2024-10-24-a-16.08.54.jpg?resize=225%2C400&amp;ssl=1 225w\" width=\"110\" height=\"196\" loading=\"lazy\" data-original-width=\"110\" data-original-height=\"196\" itemprop=\"http:\/\/schema.org\/image\" title=\"Capture d\u2019e\u0301cran, le 2024-10-24 a\u0300 16.08.54\" alt=\"Capture d\u2019e\u0301cran, le 2024-10-24 a\u0300 16.08.54\" style=\"width: 110px; height: 196px;\" \/> <\/a> <\/div> <\/div> <!-- close group --> <div class=\"gallery-group images-1\" style=\"width: 114px; height: 200px;\" data-original-width=\"114\" data-original-height=\"200\" > <div class=\"tiled-gallery-item tiled-gallery-item-small\" itemprop=\"associatedMedia\" itemscope itemtype=\"http:\/\/schema.org\/ImageObject\"> <a href=\"https:\/\/itayachtscanada.com\/fr\/listing\/prestige-m48-2024-e1567000-euros-for-sale\/capture-decran-le-2024-10-24-a-16-08-50\/\" border=\"0\" itemprop=\"url\"> <meta itemprop=\"width\" content=\"110\"> <meta itemprop=\"height\" content=\"196\"> <img decoding=\"async\" class=\"\" data-attachment-id=\"182249\" data-orig-file=\"https:\/\/itayachtscanada.com\/wp-content\/uploads\/2024\/10\/Capture-decran-le-2024-10-24-a-16.08.50.jpg\" data-orig-size=\"568,1008\" data-comments-opened=\"1\" data-image-meta=\"{&quot;aperture&quot;:&quot;0&quot;,&quot;credit&quot;:&quot;&quot;,&quot;camera&quot;:&quot;&quot;,&quot;caption&quot;:&quot;&quot;,&quot;created_timestamp&quot;:&quot;0&quot;,&quot;copyright&quot;:&quot;&quot;,&quot;focal_length&quot;:&quot;0&quot;,&quot;iso&quot;:&quot;0&quot;,&quot;shutter_speed&quot;:&quot;0&quot;,&quot;title&quot;:&quot;&quot;,&quot;orientation&quot;:&quot;0&quot;}\" data-image-title=\"Capture d\u2019e\u0301cran, le 2024-10-24 a\u0300 16.08.50\" data-image-description=\"\" data-medium-file=\"https:\/\/i0.wp.com\/itayachtscanada.com\/wp-content\/uploads\/2024\/10\/Capture-decran-le-2024-10-24-a-16.08.50.jpg?fit=169%2C300&#038;ssl=1\" data-large-file=\"https:\/\/i0.wp.com\/itayachtscanada.com\/wp-content\/uploads\/2024\/10\/Capture-decran-le-2024-10-24-a-16.08.50.jpg?fit=568%2C1008&#038;ssl=1\" src=\"https:\/\/i0.wp.com\/itayachtscanada.com\/wp-content\/uploads\/2024\/10\/Capture-decran-le-2024-10-24-a-16.08.50.jpg?w=110&#038;h=196&#038;ssl=1\" srcset=\"https:\/\/i0.wp.com\/itayachtscanada.com\/wp-content\/uploads\/2024\/10\/Capture-decran-le-2024-10-24-a-16.08.50.jpg?w=568&amp;ssl=1 568w, https:\/\/i0.wp.com\/itayachtscanada.com\/wp-content\/uploads\/2024\/10\/Capture-decran-le-2024-10-24-a-16.08.50.jpg?resize=169%2C300&amp;ssl=1 169w, https:\/\/i0.wp.com\/itayachtscanada.com\/wp-content\/uploads\/2024\/10\/Capture-decran-le-2024-10-24-a-16.08.50.jpg?resize=225%2C400&amp;ssl=1 225w\" width=\"110\" height=\"196\" loading=\"lazy\" data-original-width=\"110\" data-original-height=\"196\" itemprop=\"http:\/\/schema.org\/image\" title=\"Capture d\u2019e\u0301cran, le 2024-10-24 a\u0300 16.08.50\" alt=\"Capture d\u2019e\u0301cran, le 2024-10-24 a\u0300 16.08.50\" style=\"width: 110px; height: 196px;\" \/> <\/a> <\/div> <\/div> <!-- close group --> <div class=\"gallery-group images-1\" style=\"width: 356px; height: 200px;\" data-original-width=\"356\" data-original-height=\"200\" > <div class=\"tiled-gallery-item tiled-gallery-item-large\" itemprop=\"associatedMedia\" itemscope itemtype=\"http:\/\/schema.org\/ImageObject\"> <a href=\"https:\/\/itayachtscanada.com\/fr\/listing\/prestige-m48-2024-e1567000-euros-for-sale\/capture-decran-le-2024-10-24-a-16-06-33\/\" border=\"0\" itemprop=\"url\"> <meta itemprop=\"width\" content=\"352\"> <meta itemprop=\"height\" content=\"196\"> <img decoding=\"async\" class=\"\" data-attachment-id=\"182261\" data-orig-file=\"https:\/\/itayachtscanada.com\/wp-content\/uploads\/2024\/10\/Capture-decran-le-2024-10-24-a-16.06.33.jpg\" data-orig-size=\"1808,1008\" data-comments-opened=\"1\" data-image-meta=\"{&quot;aperture&quot;:&quot;0&quot;,&quot;credit&quot;:&quot;&quot;,&quot;camera&quot;:&quot;&quot;,&quot;caption&quot;:&quot;&quot;,&quot;created_timestamp&quot;:&quot;0&quot;,&quot;copyright&quot;:&quot;&quot;,&quot;focal_length&quot;:&quot;0&quot;,&quot;iso&quot;:&quot;0&quot;,&quot;shutter_speed&quot;:&quot;0&quot;,&quot;title&quot;:&quot;&quot;,&quot;orientation&quot;:&quot;0&quot;}\" data-image-title=\"Capture d\u2019e\u0301cran, le 2024-10-24 a\u0300 16.06.33\" data-image-description=\"\" data-medium-file=\"https:\/\/i0.wp.com\/itayachtscanada.com\/wp-content\/uploads\/2024\/10\/Capture-decran-le-2024-10-24-a-16.06.33.jpg?fit=300%2C167&#038;ssl=1\" data-large-file=\"https:\/\/i0.wp.com\/itayachtscanada.com\/wp-content\/uploads\/2024\/10\/Capture-decran-le-2024-10-24-a-16.06.33.jpg?fit=700%2C390&#038;ssl=1\" src=\"https:\/\/i0.wp.com\/itayachtscanada.com\/wp-content\/uploads\/2024\/10\/Capture-decran-le-2024-10-24-a-16.06.33.jpg?w=352&#038;h=196&#038;ssl=1\" srcset=\"https:\/\/i0.wp.com\/itayachtscanada.com\/wp-content\/uploads\/2024\/10\/Capture-decran-le-2024-10-24-a-16.06.33.jpg?w=1808&amp;ssl=1 1808w, https:\/\/i0.wp.com\/itayachtscanada.com\/wp-content\/uploads\/2024\/10\/Capture-decran-le-2024-10-24-a-16.06.33.jpg?resize=300%2C167&amp;ssl=1 300w, https:\/\/i0.wp.com\/itayachtscanada.com\/wp-content\/uploads\/2024\/10\/Capture-decran-le-2024-10-24-a-16.06.33.jpg?resize=1024%2C571&amp;ssl=1 1024w, https:\/\/i0.wp.com\/itayachtscanada.com\/wp-content\/uploads\/2024\/10\/Capture-decran-le-2024-10-24-a-16.06.33.jpg?resize=768%2C428&amp;ssl=1 768w, https:\/\/i0.wp.com\/itayachtscanada.com\/wp-content\/uploads\/2024\/10\/Capture-decran-le-2024-10-24-a-16.06.33.jpg?resize=1536%2C856&amp;ssl=1 1536w, https:\/\/i0.wp.com\/itayachtscanada.com\/wp-content\/uploads\/2024\/10\/Capture-decran-le-2024-10-24-a-16.06.33.jpg?resize=700%2C390&amp;ssl=1 700w, https:\/\/i0.wp.com\/itayachtscanada.com\/wp-content\/uploads\/2024\/10\/Capture-decran-le-2024-10-24-a-16.06.33.jpg?resize=717%2C400&amp;ssl=1 717w, https:\/\/i0.wp.com\/itayachtscanada.com\/wp-content\/uploads\/2024\/10\/Capture-decran-le-2024-10-24-a-16.06.33.jpg?w=1400&amp;ssl=1 1400w\" width=\"352\" height=\"196\" loading=\"lazy\" data-original-width=\"352\" data-original-height=\"196\" itemprop=\"http:\/\/schema.org\/image\" title=\"Capture d\u2019e\u0301cran, le 2024-10-24 a\u0300 16.06.33\" alt=\"Capture d\u2019e\u0301cran, le 2024-10-24 a\u0300 16.06.33\" style=\"width: 352px; height: 196px;\" \/> <\/a> <\/div> <\/div> <!-- close group --> <\/div> <!-- close row --> <div class=\"gallery-row\" style=\"width: 700px; height: 615px;\" data-original-width=\"700\" data-original-height=\"615\" > <div class=\"gallery-group images-1\" style=\"width: 348px; height: 615px;\" data-original-width=\"348\" data-original-height=\"615\" > <div class=\"tiled-gallery-item tiled-gallery-item-large\" itemprop=\"associatedMedia\" itemscope itemtype=\"http:\/\/schema.org\/ImageObject\"> <a href=\"https:\/\/itayachtscanada.com\/fr\/listing\/prestige-m48-2024-e1567000-euros-for-sale\/capture-decran-le-2024-10-24-a-16-08-43\/\" border=\"0\" itemprop=\"url\"> <meta itemprop=\"width\" content=\"344\"> <meta itemprop=\"height\" content=\"611\"> <img decoding=\"async\" class=\"\" data-attachment-id=\"182250\" data-orig-file=\"https:\/\/itayachtscanada.com\/wp-content\/uploads\/2024\/10\/Capture-decran-le-2024-10-24-a-16.08.43.jpg\" data-orig-size=\"568,1008\" data-comments-opened=\"1\" data-image-meta=\"{&quot;aperture&quot;:&quot;0&quot;,&quot;credit&quot;:&quot;&quot;,&quot;camera&quot;:&quot;&quot;,&quot;caption&quot;:&quot;&quot;,&quot;created_timestamp&quot;:&quot;0&quot;,&quot;copyright&quot;:&quot;&quot;,&quot;focal_length&quot;:&quot;0&quot;,&quot;iso&quot;:&quot;0&quot;,&quot;shutter_speed&quot;:&quot;0&quot;,&quot;title&quot;:&quot;&quot;,&quot;orientation&quot;:&quot;0&quot;}\" data-image-title=\"Capture d\u2019e\u0301cran, le 2024-10-24 a\u0300 16.08.43\" data-image-description=\"\" data-medium-file=\"https:\/\/i0.wp.com\/itayachtscanada.com\/wp-content\/uploads\/2024\/10\/Capture-decran-le-2024-10-24-a-16.08.43.jpg?fit=169%2C300&#038;ssl=1\" data-large-file=\"https:\/\/i0.wp.com\/itayachtscanada.com\/wp-content\/uploads\/2024\/10\/Capture-decran-le-2024-10-24-a-16.08.43.jpg?fit=568%2C1008&#038;ssl=1\" src=\"https:\/\/i0.wp.com\/itayachtscanada.com\/wp-content\/uploads\/2024\/10\/Capture-decran-le-2024-10-24-a-16.08.43.jpg?w=344&#038;h=611&#038;ssl=1\" srcset=\"https:\/\/i0.wp.com\/itayachtscanada.com\/wp-content\/uploads\/2024\/10\/Capture-decran-le-2024-10-24-a-16.08.43.jpg?w=568&amp;ssl=1 568w, https:\/\/i0.wp.com\/itayachtscanada.com\/wp-content\/uploads\/2024\/10\/Capture-decran-le-2024-10-24-a-16.08.43.jpg?resize=169%2C300&amp;ssl=1 169w, https:\/\/i0.wp.com\/itayachtscanada.com\/wp-content\/uploads\/2024\/10\/Capture-decran-le-2024-10-24-a-16.08.43.jpg?resize=225%2C400&amp;ssl=1 225w\" width=\"344\" height=\"611\" loading=\"lazy\" data-original-width=\"344\" data-original-height=\"611\" itemprop=\"http:\/\/schema.org\/image\" title=\"Capture d\u2019e\u0301cran, le 2024-10-24 a\u0300 16.08.43\" alt=\"Capture d\u2019e\u0301cran, le 2024-10-24 a\u0300 16.08.43\" style=\"width: 344px; height: 611px;\" \/> <\/a> <\/div> <\/div> <!-- close group --> <div class=\"gallery-group images-1\" style=\"width: 352px; height: 615px;\" data-original-width=\"352\" data-original-height=\"615\" > <div class=\"tiled-gallery-item tiled-gallery-item-large\" itemprop=\"associatedMedia\" itemscope itemtype=\"http:\/\/schema.org\/ImageObject\"> <a href=\"https:\/\/itayachtscanada.com\/fr\/listing\/prestige-m48-2024-e1567000-euros-for-sale\/capture-decran-le-2024-10-24-a-16-08-17\/\" border=\"0\" itemprop=\"url\"> <meta itemprop=\"width\" content=\"348\"> <meta itemprop=\"height\" content=\"611\"> <img decoding=\"async\" class=\"\" data-attachment-id=\"182253\" data-orig-file=\"https:\/\/itayachtscanada.com\/wp-content\/uploads\/2024\/10\/Capture-decran-le-2024-10-24-a-16.08.17.jpg\" data-orig-size=\"574,1008\" data-comments-opened=\"1\" data-image-meta=\"{&quot;aperture&quot;:&quot;0&quot;,&quot;credit&quot;:&quot;&quot;,&quot;camera&quot;:&quot;&quot;,&quot;caption&quot;:&quot;&quot;,&quot;created_timestamp&quot;:&quot;0&quot;,&quot;copyright&quot;:&quot;&quot;,&quot;focal_length&quot;:&quot;0&quot;,&quot;iso&quot;:&quot;0&quot;,&quot;shutter_speed&quot;:&quot;0&quot;,&quot;title&quot;:&quot;&quot;,&quot;orientation&quot;:&quot;0&quot;}\" data-image-title=\"Capture d\u2019e\u0301cran, le 2024-10-24 a\u0300 16.08.17\" data-image-description=\"\" data-medium-file=\"https:\/\/i0.wp.com\/itayachtscanada.com\/wp-content\/uploads\/2024\/10\/Capture-decran-le-2024-10-24-a-16.08.17.jpg?fit=171%2C300&#038;ssl=1\" data-large-file=\"https:\/\/i0.wp.com\/itayachtscanada.com\/wp-content\/uploads\/2024\/10\/Capture-decran-le-2024-10-24-a-16.08.17.jpg?fit=574%2C1008&#038;ssl=1\" src=\"https:\/\/i0.wp.com\/itayachtscanada.com\/wp-content\/uploads\/2024\/10\/Capture-decran-le-2024-10-24-a-16.08.17.jpg?w=348&#038;h=611&#038;ssl=1\" srcset=\"https:\/\/i0.wp.com\/itayachtscanada.com\/wp-content\/uploads\/2024\/10\/Capture-decran-le-2024-10-24-a-16.08.17.jpg?w=574&amp;ssl=1 574w, https:\/\/i0.wp.com\/itayachtscanada.com\/wp-content\/uploads\/2024\/10\/Capture-decran-le-2024-10-24-a-16.08.17.jpg?resize=171%2C300&amp;ssl=1 171w, https:\/\/i0.wp.com\/itayachtscanada.com\/wp-content\/uploads\/2024\/10\/Capture-decran-le-2024-10-24-a-16.08.17.jpg?resize=228%2C400&amp;ssl=1 228w\" width=\"348\" height=\"611\" loading=\"lazy\" data-original-width=\"348\" data-original-height=\"611\" itemprop=\"http:\/\/schema.org\/image\" title=\"Capture d\u2019e\u0301cran, le 2024-10-24 a\u0300 16.08.17\" alt=\"Capture d\u2019e\u0301cran, le 2024-10-24 a\u0300 16.08.17\" style=\"width: 348px; height: 611px;\" \/> <\/a> <\/div> <\/div> <!-- close group --> <\/div> <!-- close row --> <div class=\"gallery-row\" style=\"width: 700px; height: 197px;\" data-original-width=\"700\" data-original-height=\"197\" > <div class=\"gallery-group images-1\" style=\"width: 350px; height: 197px;\" data-original-width=\"350\" data-original-height=\"197\" > <div class=\"tiled-gallery-item tiled-gallery-item-large\" itemprop=\"associatedMedia\" itemscope itemtype=\"http:\/\/schema.org\/ImageObject\"> <a href=\"https:\/\/itayachtscanada.com\/fr\/listing\/prestige-m48-2024-e1567000-euros-for-sale\/capture-decran-le-2024-10-24-a-16-08-23\/\" border=\"0\" itemprop=\"url\"> <meta itemprop=\"width\" content=\"346\"> <meta itemprop=\"height\" content=\"193\"> <img decoding=\"async\" class=\"\" data-attachment-id=\"182252\" data-orig-file=\"https:\/\/itayachtscanada.com\/wp-content\/uploads\/2024\/10\/Capture-decran-le-2024-10-24-a-16.08.23.jpg\" data-orig-size=\"1808,1008\" data-comments-opened=\"1\" data-image-meta=\"{&quot;aperture&quot;:&quot;0&quot;,&quot;credit&quot;:&quot;&quot;,&quot;camera&quot;:&quot;&quot;,&quot;caption&quot;:&quot;&quot;,&quot;created_timestamp&quot;:&quot;0&quot;,&quot;copyright&quot;:&quot;&quot;,&quot;focal_length&quot;:&quot;0&quot;,&quot;iso&quot;:&quot;0&quot;,&quot;shutter_speed&quot;:&quot;0&quot;,&quot;title&quot;:&quot;&quot;,&quot;orientation&quot;:&quot;0&quot;}\" data-image-title=\"Capture d\u2019e\u0301cran, le 2024-10-24 a\u0300 16.08.23\" data-image-description=\"\" data-medium-file=\"https:\/\/i0.wp.com\/itayachtscanada.com\/wp-content\/uploads\/2024\/10\/Capture-decran-le-2024-10-24-a-16.08.23.jpg?fit=300%2C167&#038;ssl=1\" data-large-file=\"https:\/\/i0.wp.com\/itayachtscanada.com\/wp-content\/uploads\/2024\/10\/Capture-decran-le-2024-10-24-a-16.08.23.jpg?fit=700%2C390&#038;ssl=1\" src=\"https:\/\/i0.wp.com\/itayachtscanada.com\/wp-content\/uploads\/2024\/10\/Capture-decran-le-2024-10-24-a-16.08.23.jpg?w=346&#038;h=193&#038;ssl=1\" srcset=\"https:\/\/i0.wp.com\/itayachtscanada.com\/wp-content\/uploads\/2024\/10\/Capture-decran-le-2024-10-24-a-16.08.23.jpg?w=1808&amp;ssl=1 1808w, https:\/\/i0.wp.com\/itayachtscanada.com\/wp-content\/uploads\/2024\/10\/Capture-decran-le-2024-10-24-a-16.08.23.jpg?resize=300%2C167&amp;ssl=1 300w, https:\/\/i0.wp.com\/itayachtscanada.com\/wp-content\/uploads\/2024\/10\/Capture-decran-le-2024-10-24-a-16.08.23.jpg?resize=1024%2C571&amp;ssl=1 1024w, https:\/\/i0.wp.com\/itayachtscanada.com\/wp-content\/uploads\/2024\/10\/Capture-decran-le-2024-10-24-a-16.08.23.jpg?resize=768%2C428&amp;ssl=1 768w, https:\/\/i0.wp.com\/itayachtscanada.com\/wp-content\/uploads\/2024\/10\/Capture-decran-le-2024-10-24-a-16.08.23.jpg?resize=1536%2C856&amp;ssl=1 1536w, https:\/\/i0.wp.com\/itayachtscanada.com\/wp-content\/uploads\/2024\/10\/Capture-decran-le-2024-10-24-a-16.08.23.jpg?resize=700%2C390&amp;ssl=1 700w, https:\/\/i0.wp.com\/itayachtscanada.com\/wp-content\/uploads\/2024\/10\/Capture-decran-le-2024-10-24-a-16.08.23.jpg?resize=717%2C400&amp;ssl=1 717w, https:\/\/i0.wp.com\/itayachtscanada.com\/wp-content\/uploads\/2024\/10\/Capture-decran-le-2024-10-24-a-16.08.23.jpg?w=1400&amp;ssl=1 1400w\" width=\"346\" height=\"193\" loading=\"lazy\" data-original-width=\"346\" data-original-height=\"193\" itemprop=\"http:\/\/schema.org\/image\" title=\"Capture d\u2019e\u0301cran, le 2024-10-24 a\u0300 16.08.23\" alt=\"Capture d\u2019e\u0301cran, le 2024-10-24 a\u0300 16.08.23\" style=\"width: 346px; height: 193px;\" \/> <\/a> <\/div> <\/div> <!-- close group --> <div class=\"gallery-group images-1\" style=\"width: 350px; height: 197px;\" data-original-width=\"350\" data-original-height=\"197\" > <div class=\"tiled-gallery-item tiled-gallery-item-large\" itemprop=\"associatedMedia\" itemscope itemtype=\"http:\/\/schema.org\/ImageObject\"> <a href=\"https:\/\/itayachtscanada.com\/fr\/listing\/prestige-m48-2024-e1567000-euros-for-sale\/capture-decran-le-2024-10-24-a-16-07-10\/\" border=\"0\" itemprop=\"url\"> <meta itemprop=\"width\" content=\"346\"> <meta itemprop=\"height\" content=\"193\"> <img decoding=\"async\" class=\"\" data-attachment-id=\"182258\" data-orig-file=\"https:\/\/itayachtscanada.com\/wp-content\/uploads\/2024\/10\/Capture-decran-le-2024-10-24-a-16.07.10.jpg\" data-orig-size=\"1812,1008\" data-comments-opened=\"1\" data-image-meta=\"{&quot;aperture&quot;:&quot;0&quot;,&quot;credit&quot;:&quot;&quot;,&quot;camera&quot;:&quot;&quot;,&quot;caption&quot;:&quot;&quot;,&quot;created_timestamp&quot;:&quot;0&quot;,&quot;copyright&quot;:&quot;&quot;,&quot;focal_length&quot;:&quot;0&quot;,&quot;iso&quot;:&quot;0&quot;,&quot;shutter_speed&quot;:&quot;0&quot;,&quot;title&quot;:&quot;&quot;,&quot;orientation&quot;:&quot;0&quot;}\" data-image-title=\"Capture d\u2019e\u0301cran, le 2024-10-24 a\u0300 16.07.10\" data-image-description=\"\" data-medium-file=\"https:\/\/i0.wp.com\/itayachtscanada.com\/wp-content\/uploads\/2024\/10\/Capture-decran-le-2024-10-24-a-16.07.10.jpg?fit=300%2C167&#038;ssl=1\" data-large-file=\"https:\/\/i0.wp.com\/itayachtscanada.com\/wp-content\/uploads\/2024\/10\/Capture-decran-le-2024-10-24-a-16.07.10.jpg?fit=700%2C390&#038;ssl=1\" src=\"https:\/\/i0.wp.com\/itayachtscanada.com\/wp-content\/uploads\/2024\/10\/Capture-decran-le-2024-10-24-a-16.07.10.jpg?w=346&#038;h=193&#038;ssl=1\" srcset=\"https:\/\/i0.wp.com\/itayachtscanada.com\/wp-content\/uploads\/2024\/10\/Capture-decran-le-2024-10-24-a-16.07.10.jpg?w=1812&amp;ssl=1 1812w, https:\/\/i0.wp.com\/itayachtscanada.com\/wp-content\/uploads\/2024\/10\/Capture-decran-le-2024-10-24-a-16.07.10.jpg?resize=300%2C167&amp;ssl=1 300w, https:\/\/i0.wp.com\/itayachtscanada.com\/wp-content\/uploads\/2024\/10\/Capture-decran-le-2024-10-24-a-16.07.10.jpg?resize=1024%2C570&amp;ssl=1 1024w, https:\/\/i0.wp.com\/itayachtscanada.com\/wp-content\/uploads\/2024\/10\/Capture-decran-le-2024-10-24-a-16.07.10.jpg?resize=768%2C427&amp;ssl=1 768w, https:\/\/i0.wp.com\/itayachtscanada.com\/wp-content\/uploads\/2024\/10\/Capture-decran-le-2024-10-24-a-16.07.10.jpg?resize=1536%2C854&amp;ssl=1 1536w, https:\/\/i0.wp.com\/itayachtscanada.com\/wp-content\/uploads\/2024\/10\/Capture-decran-le-2024-10-24-a-16.07.10.jpg?resize=700%2C389&amp;ssl=1 700w, https:\/\/i0.wp.com\/itayachtscanada.com\/wp-content\/uploads\/2024\/10\/Capture-decran-le-2024-10-24-a-16.07.10.jpg?resize=719%2C400&amp;ssl=1 719w, https:\/\/i0.wp.com\/itayachtscanada.com\/wp-content\/uploads\/2024\/10\/Capture-decran-le-2024-10-24-a-16.07.10.jpg?w=1400&amp;ssl=1 1400w\" width=\"346\" height=\"193\" loading=\"lazy\" data-original-width=\"346\" data-original-height=\"193\" itemprop=\"http:\/\/schema.org\/image\" title=\"Capture d\u2019e\u0301cran, le 2024-10-24 a\u0300 16.07.10\" alt=\"Capture d\u2019e\u0301cran, le 2024-10-24 a\u0300 16.07.10\" style=\"width: 346px; height: 193px;\" \/> <\/a> <\/div> <\/div> <!-- close group --> <\/div> <!-- close row --> <div class=\"gallery-row\" style=\"width: 700px; height: 296px;\" data-original-width=\"700\" data-original-height=\"296\" > <div class=\"gallery-group images-1\" style=\"width: 529px; height: 296px;\" data-original-width=\"529\" data-original-height=\"296\" > <div class=\"tiled-gallery-item tiled-gallery-item-large\" itemprop=\"associatedMedia\" itemscope itemtype=\"http:\/\/schema.org\/ImageObject\"> <a href=\"https:\/\/itayachtscanada.com\/fr\/listing\/prestige-m48-2024-e1567000-euros-for-sale\/capture-decran-le-2024-10-24-a-16-06-58\/\" border=\"0\" itemprop=\"url\"> <meta itemprop=\"width\" content=\"525\"> <meta itemprop=\"height\" content=\"292\"> <img decoding=\"async\" class=\"\" data-attachment-id=\"182259\" data-orig-file=\"https:\/\/itayachtscanada.com\/wp-content\/uploads\/2024\/10\/Capture-decran-le-2024-10-24-a-16.06.58.jpg\" data-orig-size=\"1812,1008\" data-comments-opened=\"1\" data-image-meta=\"{&quot;aperture&quot;:&quot;0&quot;,&quot;credit&quot;:&quot;&quot;,&quot;camera&quot;:&quot;&quot;,&quot;caption&quot;:&quot;&quot;,&quot;created_timestamp&quot;:&quot;0&quot;,&quot;copyright&quot;:&quot;&quot;,&quot;focal_length&quot;:&quot;0&quot;,&quot;iso&quot;:&quot;0&quot;,&quot;shutter_speed&quot;:&quot;0&quot;,&quot;title&quot;:&quot;&quot;,&quot;orientation&quot;:&quot;0&quot;}\" data-image-title=\"Capture d\u2019e\u0301cran, le 2024-10-24 a\u0300 16.06.58\" data-image-description=\"\" data-medium-file=\"https:\/\/i0.wp.com\/itayachtscanada.com\/wp-content\/uploads\/2024\/10\/Capture-decran-le-2024-10-24-a-16.06.58.jpg?fit=300%2C167&#038;ssl=1\" data-large-file=\"https:\/\/i0.wp.com\/itayachtscanada.com\/wp-content\/uploads\/2024\/10\/Capture-decran-le-2024-10-24-a-16.06.58.jpg?fit=700%2C390&#038;ssl=1\" src=\"https:\/\/i0.wp.com\/itayachtscanada.com\/wp-content\/uploads\/2024\/10\/Capture-decran-le-2024-10-24-a-16.06.58.jpg?w=525&#038;h=292&#038;ssl=1\" srcset=\"https:\/\/i0.wp.com\/itayachtscanada.com\/wp-content\/uploads\/2024\/10\/Capture-decran-le-2024-10-24-a-16.06.58.jpg?w=1812&amp;ssl=1 1812w, https:\/\/i0.wp.com\/itayachtscanada.com\/wp-content\/uploads\/2024\/10\/Capture-decran-le-2024-10-24-a-16.06.58.jpg?resize=300%2C167&amp;ssl=1 300w, https:\/\/i0.wp.com\/itayachtscanada.com\/wp-content\/uploads\/2024\/10\/Capture-decran-le-2024-10-24-a-16.06.58.jpg?resize=1024%2C570&amp;ssl=1 1024w, https:\/\/i0.wp.com\/itayachtscanada.com\/wp-content\/uploads\/2024\/10\/Capture-decran-le-2024-10-24-a-16.06.58.jpg?resize=768%2C427&amp;ssl=1 768w, https:\/\/i0.wp.com\/itayachtscanada.com\/wp-content\/uploads\/2024\/10\/Capture-decran-le-2024-10-24-a-16.06.58.jpg?resize=1536%2C854&amp;ssl=1 1536w, https:\/\/i0.wp.com\/itayachtscanada.com\/wp-content\/uploads\/2024\/10\/Capture-decran-le-2024-10-24-a-16.06.58.jpg?resize=700%2C389&amp;ssl=1 700w, https:\/\/i0.wp.com\/itayachtscanada.com\/wp-content\/uploads\/2024\/10\/Capture-decran-le-2024-10-24-a-16.06.58.jpg?resize=719%2C400&amp;ssl=1 719w, https:\/\/i0.wp.com\/itayachtscanada.com\/wp-content\/uploads\/2024\/10\/Capture-decran-le-2024-10-24-a-16.06.58.jpg?w=1400&amp;ssl=1 1400w\" width=\"525\" height=\"292\" loading=\"lazy\" data-original-width=\"525\" data-original-height=\"292\" itemprop=\"http:\/\/schema.org\/image\" title=\"Capture d\u2019e\u0301cran, le 2024-10-24 a\u0300 16.06.58\" alt=\"Capture d\u2019e\u0301cran, le 2024-10-24 a\u0300 16.06.58\" style=\"width: 525px; height: 292px;\" \/> <\/a> <\/div> <\/div> <!-- close group --> <div class=\"gallery-group images-1\" style=\"width: 171px; height: 296px;\" data-original-width=\"171\" data-original-height=\"296\" > <div class=\"tiled-gallery-item tiled-gallery-item-small\" itemprop=\"associatedMedia\" itemscope itemtype=\"http:\/\/schema.org\/ImageObject\"> <a href=\"https:\/\/itayachtscanada.com\/fr\/listing\/prestige-m48-2024-e1567000-euros-for-sale\/capture-decran-le-2024-10-24-a-16-07-20\/\" border=\"0\" itemprop=\"url\"> <meta itemprop=\"width\" content=\"167\"> <meta itemprop=\"height\" content=\"292\"> <img decoding=\"async\" class=\"\" data-attachment-id=\"182257\" data-orig-file=\"https:\/\/itayachtscanada.com\/wp-content\/uploads\/2024\/10\/Capture-decran-le-2024-10-24-a-16.07.20.jpg\" data-orig-size=\"578,1008\" data-comments-opened=\"1\" data-image-meta=\"{&quot;aperture&quot;:&quot;0&quot;,&quot;credit&quot;:&quot;&quot;,&quot;camera&quot;:&quot;&quot;,&quot;caption&quot;:&quot;&quot;,&quot;created_timestamp&quot;:&quot;0&quot;,&quot;copyright&quot;:&quot;&quot;,&quot;focal_length&quot;:&quot;0&quot;,&quot;iso&quot;:&quot;0&quot;,&quot;shutter_speed&quot;:&quot;0&quot;,&quot;title&quot;:&quot;&quot;,&quot;orientation&quot;:&quot;0&quot;}\" data-image-title=\"Capture d\u2019e\u0301cran, le 2024-10-24 a\u0300 16.07.20\" data-image-description=\"\" data-medium-file=\"https:\/\/i0.wp.com\/itayachtscanada.com\/wp-content\/uploads\/2024\/10\/Capture-decran-le-2024-10-24-a-16.07.20.jpg?fit=172%2C300&#038;ssl=1\" data-large-file=\"https:\/\/i0.wp.com\/itayachtscanada.com\/wp-content\/uploads\/2024\/10\/Capture-decran-le-2024-10-24-a-16.07.20.jpg?fit=578%2C1008&#038;ssl=1\" src=\"https:\/\/i0.wp.com\/itayachtscanada.com\/wp-content\/uploads\/2024\/10\/Capture-decran-le-2024-10-24-a-16.07.20.jpg?w=167&#038;h=292&#038;ssl=1\" srcset=\"https:\/\/i0.wp.com\/itayachtscanada.com\/wp-content\/uploads\/2024\/10\/Capture-decran-le-2024-10-24-a-16.07.20.jpg?w=578&amp;ssl=1 578w, https:\/\/i0.wp.com\/itayachtscanada.com\/wp-content\/uploads\/2024\/10\/Capture-decran-le-2024-10-24-a-16.07.20.jpg?resize=172%2C300&amp;ssl=1 172w, https:\/\/i0.wp.com\/itayachtscanada.com\/wp-content\/uploads\/2024\/10\/Capture-decran-le-2024-10-24-a-16.07.20.jpg?resize=229%2C400&amp;ssl=1 229w\" width=\"167\" height=\"292\" loading=\"lazy\" data-original-width=\"167\" data-original-height=\"292\" itemprop=\"http:\/\/schema.org\/image\" title=\"Capture d\u2019e\u0301cran, le 2024-10-24 a\u0300 16.07.20\" alt=\"Capture d\u2019e\u0301cran, le 2024-10-24 a\u0300 16.07.20\" style=\"width: 167px; height: 292px;\" \/> <\/a> <\/div> <\/div> <!-- close group --> <\/div> <!-- close row --> <div class=\"gallery-row\" style=\"width: 700px; height: 477px;\" data-original-width=\"700\" data-original-height=\"477\" > <div class=\"gallery-group images-2\" style=\"width: 426px; height: 477px;\" data-original-width=\"426\" data-original-height=\"477\" > <div class=\"tiled-gallery-item tiled-gallery-item-large\" itemprop=\"associatedMedia\" itemscope itemtype=\"http:\/\/schema.org\/ImageObject\"> <a href=\"https:\/\/itayachtscanada.com\/fr\/listing\/prestige-m48-2024-e1567000-euros-for-sale\/capture-decran-le-2024-10-24-a-16-07-33\/\" border=\"0\" itemprop=\"url\"> <meta itemprop=\"width\" content=\"422\"> <meta itemprop=\"height\" content=\"234\"> <img decoding=\"async\" class=\"\" data-attachment-id=\"182256\" data-orig-file=\"https:\/\/itayachtscanada.com\/wp-content\/uploads\/2024\/10\/Capture-decran-le-2024-10-24-a-16.07.33.jpg\" data-orig-size=\"1816,1008\" data-comments-opened=\"1\" data-image-meta=\"{&quot;aperture&quot;:&quot;0&quot;,&quot;credit&quot;:&quot;&quot;,&quot;camera&quot;:&quot;&quot;,&quot;caption&quot;:&quot;&quot;,&quot;created_timestamp&quot;:&quot;0&quot;,&quot;copyright&quot;:&quot;&quot;,&quot;focal_length&quot;:&quot;0&quot;,&quot;iso&quot;:&quot;0&quot;,&quot;shutter_speed&quot;:&quot;0&quot;,&quot;title&quot;:&quot;&quot;,&quot;orientation&quot;:&quot;0&quot;}\" data-image-title=\"Capture d\u2019e\u0301cran, le 2024-10-24 a\u0300 16.07.33\" data-image-description=\"\" data-medium-file=\"https:\/\/i0.wp.com\/itayachtscanada.com\/wp-content\/uploads\/2024\/10\/Capture-decran-le-2024-10-24-a-16.07.33.jpg?fit=300%2C167&#038;ssl=1\" data-large-file=\"https:\/\/i0.wp.com\/itayachtscanada.com\/wp-content\/uploads\/2024\/10\/Capture-decran-le-2024-10-24-a-16.07.33.jpg?fit=700%2C388&#038;ssl=1\" src=\"https:\/\/i0.wp.com\/itayachtscanada.com\/wp-content\/uploads\/2024\/10\/Capture-decran-le-2024-10-24-a-16.07.33.jpg?w=422&#038;h=234&#038;ssl=1\" srcset=\"https:\/\/i0.wp.com\/itayachtscanada.com\/wp-content\/uploads\/2024\/10\/Capture-decran-le-2024-10-24-a-16.07.33.jpg?w=1816&amp;ssl=1 1816w, https:\/\/i0.wp.com\/itayachtscanada.com\/wp-content\/uploads\/2024\/10\/Capture-decran-le-2024-10-24-a-16.07.33.jpg?resize=300%2C167&amp;ssl=1 300w, https:\/\/i0.wp.com\/itayachtscanada.com\/wp-content\/uploads\/2024\/10\/Capture-decran-le-2024-10-24-a-16.07.33.jpg?resize=1024%2C568&amp;ssl=1 1024w, https:\/\/i0.wp.com\/itayachtscanada.com\/wp-content\/uploads\/2024\/10\/Capture-decran-le-2024-10-24-a-16.07.33.jpg?resize=768%2C426&amp;ssl=1 768w, https:\/\/i0.wp.com\/itayachtscanada.com\/wp-content\/uploads\/2024\/10\/Capture-decran-le-2024-10-24-a-16.07.33.jpg?resize=1536%2C853&amp;ssl=1 1536w, https:\/\/i0.wp.com\/itayachtscanada.com\/wp-content\/uploads\/2024\/10\/Capture-decran-le-2024-10-24-a-16.07.33.jpg?resize=700%2C389&amp;ssl=1 700w, https:\/\/i0.wp.com\/itayachtscanada.com\/wp-content\/uploads\/2024\/10\/Capture-decran-le-2024-10-24-a-16.07.33.jpg?resize=721%2C400&amp;ssl=1 721w, https:\/\/i0.wp.com\/itayachtscanada.com\/wp-content\/uploads\/2024\/10\/Capture-decran-le-2024-10-24-a-16.07.33.jpg?w=1400&amp;ssl=1 1400w\" width=\"422\" height=\"234\" loading=\"lazy\" data-original-width=\"422\" data-original-height=\"234\" itemprop=\"http:\/\/schema.org\/image\" title=\"Capture d\u2019e\u0301cran, le 2024-10-24 a\u0300 16.07.33\" alt=\"Capture d\u2019e\u0301cran, le 2024-10-24 a\u0300 16.07.33\" style=\"width: 422px; height: 234px;\" \/> <\/a> <\/div> <div class=\"tiled-gallery-item tiled-gallery-item-large\" itemprop=\"associatedMedia\" itemscope itemtype=\"http:\/\/schema.org\/ImageObject\"> <a href=\"https:\/\/itayachtscanada.com\/fr\/listing\/prestige-m48-2024-e1567000-euros-for-sale\/capture-decran-le-2024-10-24-a-16-06-09\/\" border=\"0\" itemprop=\"url\"> <meta itemprop=\"width\" content=\"422\"> <meta itemprop=\"height\" content=\"235\"> <img decoding=\"async\" class=\"\" data-attachment-id=\"182264\" data-orig-file=\"https:\/\/itayachtscanada.com\/wp-content\/uploads\/2024\/10\/Capture-decran-le-2024-10-24-a-16.06.09.jpg\" data-orig-size=\"1812,1008\" data-comments-opened=\"1\" data-image-meta=\"{&quot;aperture&quot;:&quot;0&quot;,&quot;credit&quot;:&quot;&quot;,&quot;camera&quot;:&quot;&quot;,&quot;caption&quot;:&quot;&quot;,&quot;created_timestamp&quot;:&quot;0&quot;,&quot;copyright&quot;:&quot;&quot;,&quot;focal_length&quot;:&quot;0&quot;,&quot;iso&quot;:&quot;0&quot;,&quot;shutter_speed&quot;:&quot;0&quot;,&quot;title&quot;:&quot;&quot;,&quot;orientation&quot;:&quot;0&quot;}\" data-image-title=\"Capture d\u2019e\u0301cran, le 2024-10-24 a\u0300 16.06.09\" data-image-description=\"\" data-medium-file=\"https:\/\/i0.wp.com\/itayachtscanada.com\/wp-content\/uploads\/2024\/10\/Capture-decran-le-2024-10-24-a-16.06.09.jpg?fit=300%2C167&#038;ssl=1\" data-large-file=\"https:\/\/i0.wp.com\/itayachtscanada.com\/wp-content\/uploads\/2024\/10\/Capture-decran-le-2024-10-24-a-16.06.09.jpg?fit=700%2C390&#038;ssl=1\" src=\"https:\/\/i0.wp.com\/itayachtscanada.com\/wp-content\/uploads\/2024\/10\/Capture-decran-le-2024-10-24-a-16.06.09.jpg?w=422&#038;h=235&#038;ssl=1\" srcset=\"https:\/\/i0.wp.com\/itayachtscanada.com\/wp-content\/uploads\/2024\/10\/Capture-decran-le-2024-10-24-a-16.06.09.jpg?w=1812&amp;ssl=1 1812w, https:\/\/i0.wp.com\/itayachtscanada.com\/wp-content\/uploads\/2024\/10\/Capture-decran-le-2024-10-24-a-16.06.09.jpg?resize=300%2C167&amp;ssl=1 300w, https:\/\/i0.wp.com\/itayachtscanada.com\/wp-content\/uploads\/2024\/10\/Capture-decran-le-2024-10-24-a-16.06.09.jpg?resize=1024%2C570&amp;ssl=1 1024w, https:\/\/i0.wp.com\/itayachtscanada.com\/wp-content\/uploads\/2024\/10\/Capture-decran-le-2024-10-24-a-16.06.09.jpg?resize=768%2C427&amp;ssl=1 768w, https:\/\/i0.wp.com\/itayachtscanada.com\/wp-content\/uploads\/2024\/10\/Capture-decran-le-2024-10-24-a-16.06.09.jpg?resize=1536%2C854&amp;ssl=1 1536w, https:\/\/i0.wp.com\/itayachtscanada.com\/wp-content\/uploads\/2024\/10\/Capture-decran-le-2024-10-24-a-16.06.09.jpg?resize=700%2C389&amp;ssl=1 700w, https:\/\/i0.wp.com\/itayachtscanada.com\/wp-content\/uploads\/2024\/10\/Capture-decran-le-2024-10-24-a-16.06.09.jpg?resize=719%2C400&amp;ssl=1 719w, https:\/\/i0.wp.com\/itayachtscanada.com\/wp-content\/uploads\/2024\/10\/Capture-decran-le-2024-10-24-a-16.06.09.jpg?w=1400&amp;ssl=1 1400w\" width=\"422\" height=\"235\" loading=\"lazy\" data-original-width=\"422\" data-original-height=\"235\" itemprop=\"http:\/\/schema.org\/image\" title=\"Capture d\u2019e\u0301cran, le 2024-10-24 a\u0300 16.06.09\" alt=\"Capture d\u2019e\u0301cran, le 2024-10-24 a\u0300 16.06.09\" style=\"width: 422px; height: 235px;\" \/> <\/a> <\/div> <\/div> <!-- close group --> <div class=\"gallery-group images-1\" style=\"width: 274px; height: 477px;\" data-original-width=\"274\" data-original-height=\"477\" > <div class=\"tiled-gallery-item tiled-gallery-item-large\" itemprop=\"associatedMedia\" itemscope itemtype=\"http:\/\/schema.org\/ImageObject\"> <a href=\"https:\/\/itayachtscanada.com\/fr\/listing\/prestige-m48-2024-e1567000-euros-for-sale\/capture-decran-le-2024-10-24-a-16-06-44\/\" border=\"0\" itemprop=\"url\"> <meta itemprop=\"width\" content=\"270\"> <meta itemprop=\"height\" content=\"473\"> <img decoding=\"async\" class=\"\" data-attachment-id=\"182260\" data-orig-file=\"https:\/\/itayachtscanada.com\/wp-content\/uploads\/2024\/10\/Capture-decran-le-2024-10-24-a-16.06.44.jpg\" data-orig-size=\"576,1008\" data-comments-opened=\"1\" data-image-meta=\"{&quot;aperture&quot;:&quot;0&quot;,&quot;credit&quot;:&quot;&quot;,&quot;camera&quot;:&quot;&quot;,&quot;caption&quot;:&quot;&quot;,&quot;created_timestamp&quot;:&quot;0&quot;,&quot;copyright&quot;:&quot;&quot;,&quot;focal_length&quot;:&quot;0&quot;,&quot;iso&quot;:&quot;0&quot;,&quot;shutter_speed&quot;:&quot;0&quot;,&quot;title&quot;:&quot;&quot;,&quot;orientation&quot;:&quot;0&quot;}\" data-image-title=\"Capture d\u2019e\u0301cran, le 2024-10-24 a\u0300 16.06.44\" data-image-description=\"\" data-medium-file=\"https:\/\/i0.wp.com\/itayachtscanada.com\/wp-content\/uploads\/2024\/10\/Capture-decran-le-2024-10-24-a-16.06.44.jpg?fit=171%2C300&#038;ssl=1\" data-large-file=\"https:\/\/i0.wp.com\/itayachtscanada.com\/wp-content\/uploads\/2024\/10\/Capture-decran-le-2024-10-24-a-16.06.44.jpg?fit=576%2C1008&#038;ssl=1\" src=\"https:\/\/i0.wp.com\/itayachtscanada.com\/wp-content\/uploads\/2024\/10\/Capture-decran-le-2024-10-24-a-16.06.44.jpg?w=270&#038;h=473&#038;ssl=1\" srcset=\"https:\/\/i0.wp.com\/itayachtscanada.com\/wp-content\/uploads\/2024\/10\/Capture-decran-le-2024-10-24-a-16.06.44.jpg?w=576&amp;ssl=1 576w, https:\/\/i0.wp.com\/itayachtscanada.com\/wp-content\/uploads\/2024\/10\/Capture-decran-le-2024-10-24-a-16.06.44.jpg?resize=171%2C300&amp;ssl=1 171w, https:\/\/i0.wp.com\/itayachtscanada.com\/wp-content\/uploads\/2024\/10\/Capture-decran-le-2024-10-24-a-16.06.44.jpg?resize=229%2C400&amp;ssl=1 229w\" width=\"270\" height=\"473\" loading=\"lazy\" data-original-width=\"270\" data-original-height=\"473\" itemprop=\"http:\/\/schema.org\/image\" title=\"Capture d\u2019e\u0301cran, le 2024-10-24 a\u0300 16.06.44\" alt=\"Capture d\u2019e\u0301cran, le 2024-10-24 a\u0300 16.06.44\" style=\"width: 270px; height: 473px;\" \/> <\/a> <\/div> <\/div> <!-- close group --> <\/div> <!-- close row --> <div class=\"gallery-row\" style=\"width: 700px; height: 409px;\" data-original-width=\"700\" data-original-height=\"409\" > <div class=\"gallery-group images-1\" style=\"width: 232px; height: 409px;\" data-original-width=\"232\" data-original-height=\"409\" > <div class=\"tiled-gallery-item tiled-gallery-item-small\" itemprop=\"associatedMedia\" itemscope itemtype=\"http:\/\/schema.org\/ImageObject\"> <a href=\"https:\/\/itayachtscanada.com\/fr\/listing\/prestige-m48-2024-e1567000-euros-for-sale\/capture-decran-le-2024-10-24-a-16-08-32\/\" border=\"0\" itemprop=\"url\"> <meta itemprop=\"width\" content=\"228\"> <meta itemprop=\"height\" content=\"405\"> <img decoding=\"async\" class=\"\" data-attachment-id=\"182251\" data-orig-file=\"https:\/\/itayachtscanada.com\/wp-content\/uploads\/2024\/10\/Capture-decran-le-2024-10-24-a-16.08.32.jpg\" data-orig-size=\"568,1008\" data-comments-opened=\"1\" data-image-meta=\"{&quot;aperture&quot;:&quot;0&quot;,&quot;credit&quot;:&quot;&quot;,&quot;camera&quot;:&quot;&quot;,&quot;caption&quot;:&quot;&quot;,&quot;created_timestamp&quot;:&quot;0&quot;,&quot;copyright&quot;:&quot;&quot;,&quot;focal_length&quot;:&quot;0&quot;,&quot;iso&quot;:&quot;0&quot;,&quot;shutter_speed&quot;:&quot;0&quot;,&quot;title&quot;:&quot;&quot;,&quot;orientation&quot;:&quot;0&quot;}\" data-image-title=\"Capture d\u2019e\u0301cran, le 2024-10-24 a\u0300 16.08.32\" data-image-description=\"\" data-medium-file=\"https:\/\/i0.wp.com\/itayachtscanada.com\/wp-content\/uploads\/2024\/10\/Capture-decran-le-2024-10-24-a-16.08.32.jpg?fit=169%2C300&#038;ssl=1\" data-large-file=\"https:\/\/i0.wp.com\/itayachtscanada.com\/wp-content\/uploads\/2024\/10\/Capture-decran-le-2024-10-24-a-16.08.32.jpg?fit=568%2C1008&#038;ssl=1\" src=\"https:\/\/i0.wp.com\/itayachtscanada.com\/wp-content\/uploads\/2024\/10\/Capture-decran-le-2024-10-24-a-16.08.32.jpg?w=228&#038;h=405&#038;ssl=1\" srcset=\"https:\/\/i0.wp.com\/itayachtscanada.com\/wp-content\/uploads\/2024\/10\/Capture-decran-le-2024-10-24-a-16.08.32.jpg?w=568&amp;ssl=1 568w, https:\/\/i0.wp.com\/itayachtscanada.com\/wp-content\/uploads\/2024\/10\/Capture-decran-le-2024-10-24-a-16.08.32.jpg?resize=169%2C300&amp;ssl=1 169w, https:\/\/i0.wp.com\/itayachtscanada.com\/wp-content\/uploads\/2024\/10\/Capture-decran-le-2024-10-24-a-16.08.32.jpg?resize=225%2C400&amp;ssl=1 225w\" width=\"228\" height=\"405\" loading=\"lazy\" data-original-width=\"228\" data-original-height=\"405\" itemprop=\"http:\/\/schema.org\/image\" title=\"Capture d\u2019e\u0301cran, le 2024-10-24 a\u0300 16.08.32\" alt=\"Capture d\u2019e\u0301cran, le 2024-10-24 a\u0300 16.08.32\" style=\"width: 228px; height: 405px;\" \/> <\/a> <\/div> <\/div> <!-- close group --> <div class=\"gallery-group images-1\" style=\"width: 234px; height: 409px;\" data-original-width=\"234\" data-original-height=\"409\" > <div class=\"tiled-gallery-item tiled-gallery-item-small\" itemprop=\"associatedMedia\" itemscope itemtype=\"http:\/\/schema.org\/ImageObject\"> <a href=\"https:\/\/itayachtscanada.com\/fr\/listing\/prestige-m48-2024-e1567000-euros-for-sale\/capture-decran-le-2024-10-24-a-16-06-29\/\" border=\"0\" itemprop=\"url\"> <meta itemprop=\"width\" content=\"230\"> <meta itemprop=\"height\" content=\"405\"> <img decoding=\"async\" class=\"\" data-attachment-id=\"182262\" data-orig-file=\"https:\/\/itayachtscanada.com\/wp-content\/uploads\/2024\/10\/Capture-decran-le-2024-10-24-a-16.06.29.jpg\" data-orig-size=\"572,1008\" data-comments-opened=\"1\" data-image-meta=\"{&quot;aperture&quot;:&quot;0&quot;,&quot;credit&quot;:&quot;&quot;,&quot;camera&quot;:&quot;&quot;,&quot;caption&quot;:&quot;&quot;,&quot;created_timestamp&quot;:&quot;0&quot;,&quot;copyright&quot;:&quot;&quot;,&quot;focal_length&quot;:&quot;0&quot;,&quot;iso&quot;:&quot;0&quot;,&quot;shutter_speed&quot;:&quot;0&quot;,&quot;title&quot;:&quot;&quot;,&quot;orientation&quot;:&quot;0&quot;}\" data-image-title=\"Capture d\u2019e\u0301cran, le 2024-10-24 a\u0300 16.06.29\" data-image-description=\"\" data-medium-file=\"https:\/\/i0.wp.com\/itayachtscanada.com\/wp-content\/uploads\/2024\/10\/Capture-decran-le-2024-10-24-a-16.06.29.jpg?fit=170%2C300&#038;ssl=1\" data-large-file=\"https:\/\/i0.wp.com\/itayachtscanada.com\/wp-content\/uploads\/2024\/10\/Capture-decran-le-2024-10-24-a-16.06.29.jpg?fit=572%2C1008&#038;ssl=1\" src=\"https:\/\/i0.wp.com\/itayachtscanada.com\/wp-content\/uploads\/2024\/10\/Capture-decran-le-2024-10-24-a-16.06.29.jpg?w=230&#038;h=405&#038;ssl=1\" srcset=\"https:\/\/i0.wp.com\/itayachtscanada.com\/wp-content\/uploads\/2024\/10\/Capture-decran-le-2024-10-24-a-16.06.29.jpg?w=572&amp;ssl=1 572w, https:\/\/i0.wp.com\/itayachtscanada.com\/wp-content\/uploads\/2024\/10\/Capture-decran-le-2024-10-24-a-16.06.29.jpg?resize=170%2C300&amp;ssl=1 170w, https:\/\/i0.wp.com\/itayachtscanada.com\/wp-content\/uploads\/2024\/10\/Capture-decran-le-2024-10-24-a-16.06.29.jpg?resize=227%2C400&amp;ssl=1 227w\" width=\"230\" height=\"405\" loading=\"lazy\" data-original-width=\"230\" data-original-height=\"405\" itemprop=\"http:\/\/schema.org\/image\" title=\"Capture d\u2019e\u0301cran, le 2024-10-24 a\u0300 16.06.29\" alt=\"Capture d\u2019e\u0301cran, le 2024-10-24 a\u0300 16.06.29\" style=\"width: 230px; height: 405px;\" \/> <\/a> <\/div> <\/div> <!-- close group --> <div class=\"gallery-group images-1\" style=\"width: 234px; height: 409px;\" data-original-width=\"234\" data-original-height=\"409\" > <div class=\"tiled-gallery-item tiled-gallery-item-small\" itemprop=\"associatedMedia\" itemscope itemtype=\"http:\/\/schema.org\/ImageObject\"> <a href=\"https:\/\/itayachtscanada.com\/fr\/listing\/prestige-m48-2024-e1567000-euros-for-sale\/capture-decran-le-2024-10-24-a-16-06-20\/\" border=\"0\" itemprop=\"url\"> <meta itemprop=\"width\" content=\"230\"> <meta itemprop=\"height\" content=\"405\"> <img decoding=\"async\" class=\"\" data-attachment-id=\"182263\" data-orig-file=\"https:\/\/itayachtscanada.com\/wp-content\/uploads\/2024\/10\/Capture-decran-le-2024-10-24-a-16.06.20.jpg\" data-orig-size=\"572,1008\" data-comments-opened=\"1\" data-image-meta=\"{&quot;aperture&quot;:&quot;0&quot;,&quot;credit&quot;:&quot;&quot;,&quot;camera&quot;:&quot;&quot;,&quot;caption&quot;:&quot;&quot;,&quot;created_timestamp&quot;:&quot;0&quot;,&quot;copyright&quot;:&quot;&quot;,&quot;focal_length&quot;:&quot;0&quot;,&quot;iso&quot;:&quot;0&quot;,&quot;shutter_speed&quot;:&quot;0&quot;,&quot;title&quot;:&quot;&quot;,&quot;orientation&quot;:&quot;0&quot;}\" data-image-title=\"Capture d\u2019e\u0301cran, le 2024-10-24 a\u0300 16.06.20\" data-image-description=\"\" data-medium-file=\"https:\/\/i0.wp.com\/itayachtscanada.com\/wp-content\/uploads\/2024\/10\/Capture-decran-le-2024-10-24-a-16.06.20.jpg?fit=170%2C300&#038;ssl=1\" data-large-file=\"https:\/\/i0.wp.com\/itayachtscanada.com\/wp-content\/uploads\/2024\/10\/Capture-decran-le-2024-10-24-a-16.06.20.jpg?fit=572%2C1008&#038;ssl=1\" src=\"https:\/\/i0.wp.com\/itayachtscanada.com\/wp-content\/uploads\/2024\/10\/Capture-decran-le-2024-10-24-a-16.06.20.jpg?w=230&#038;h=405&#038;ssl=1\" srcset=\"https:\/\/i0.wp.com\/itayachtscanada.com\/wp-content\/uploads\/2024\/10\/Capture-decran-le-2024-10-24-a-16.06.20.jpg?w=572&amp;ssl=1 572w, https:\/\/i0.wp.com\/itayachtscanada.com\/wp-content\/uploads\/2024\/10\/Capture-decran-le-2024-10-24-a-16.06.20.jpg?resize=170%2C300&amp;ssl=1 170w, https:\/\/i0.wp.com\/itayachtscanada.com\/wp-content\/uploads\/2024\/10\/Capture-decran-le-2024-10-24-a-16.06.20.jpg?resize=227%2C400&amp;ssl=1 227w\" width=\"230\" height=\"405\" loading=\"lazy\" data-original-width=\"230\" data-original-height=\"405\" itemprop=\"http:\/\/schema.org\/image\" title=\"Capture d\u2019e\u0301cran, le 2024-10-24 a\u0300 16.06.20\" alt=\"Capture d\u2019e\u0301cran, le 2024-10-24 a\u0300 16.06.20\" style=\"width: 230px; height: 405px;\" \/> <\/a> <\/div> <\/div> <!-- close group --> <\/div> <!-- close row --> <div class=\"gallery-row\" style=\"width: 700px; height: 288px;\" data-original-width=\"700\" data-original-height=\"288\" > <div class=\"gallery-group images-1\" style=\"width: 536px; height: 288px;\" data-original-width=\"536\" data-original-height=\"288\" > <div class=\"tiled-gallery-item tiled-gallery-item-large\" itemprop=\"associatedMedia\" itemscope itemtype=\"http:\/\/schema.org\/ImageObject\"> <a href=\"https:\/\/itayachtscanada.com\/fr\/listing\/prestige-m48-2024-e1567000-euros-for-sale\/capture-decran-le-2024-10-24-a-16-00-36\/\" border=\"0\" itemprop=\"url\"> <meta itemprop=\"width\" content=\"532\"> <meta itemprop=\"height\" content=\"284\"> <img decoding=\"async\" class=\"\" data-attachment-id=\"182265\" data-orig-file=\"https:\/\/itayachtscanada.com\/wp-content\/uploads\/2024\/10\/Capture-decran-le-2024-10-24-a-16.00.36.jpg\" data-orig-size=\"1890,1008\" data-comments-opened=\"1\" data-image-meta=\"{&quot;aperture&quot;:&quot;0&quot;,&quot;credit&quot;:&quot;&quot;,&quot;camera&quot;:&quot;&quot;,&quot;caption&quot;:&quot;&quot;,&quot;created_timestamp&quot;:&quot;0&quot;,&quot;copyright&quot;:&quot;&quot;,&quot;focal_length&quot;:&quot;0&quot;,&quot;iso&quot;:&quot;0&quot;,&quot;shutter_speed&quot;:&quot;0&quot;,&quot;title&quot;:&quot;&quot;,&quot;orientation&quot;:&quot;0&quot;}\" data-image-title=\"Capture d\u2019e\u0301cran, le 2024-10-24 a\u0300 16.00.36\" data-image-description=\"\" data-medium-file=\"https:\/\/i0.wp.com\/itayachtscanada.com\/wp-content\/uploads\/2024\/10\/Capture-decran-le-2024-10-24-a-16.00.36.jpg?fit=300%2C160&#038;ssl=1\" data-large-file=\"https:\/\/i0.wp.com\/itayachtscanada.com\/wp-content\/uploads\/2024\/10\/Capture-decran-le-2024-10-24-a-16.00.36.jpg?fit=700%2C373&#038;ssl=1\" src=\"https:\/\/i0.wp.com\/itayachtscanada.com\/wp-content\/uploads\/2024\/10\/Capture-decran-le-2024-10-24-a-16.00.36.jpg?w=532&#038;h=284&#038;ssl=1\" srcset=\"https:\/\/i0.wp.com\/itayachtscanada.com\/wp-content\/uploads\/2024\/10\/Capture-decran-le-2024-10-24-a-16.00.36.jpg?w=1890&amp;ssl=1 1890w, https:\/\/i0.wp.com\/itayachtscanada.com\/wp-content\/uploads\/2024\/10\/Capture-decran-le-2024-10-24-a-16.00.36.jpg?resize=300%2C160&amp;ssl=1 300w, https:\/\/i0.wp.com\/itayachtscanada.com\/wp-content\/uploads\/2024\/10\/Capture-decran-le-2024-10-24-a-16.00.36.jpg?resize=1024%2C546&amp;ssl=1 1024w, https:\/\/i0.wp.com\/itayachtscanada.com\/wp-content\/uploads\/2024\/10\/Capture-decran-le-2024-10-24-a-16.00.36.jpg?resize=768%2C410&amp;ssl=1 768w, https:\/\/i0.wp.com\/itayachtscanada.com\/wp-content\/uploads\/2024\/10\/Capture-decran-le-2024-10-24-a-16.00.36.jpg?resize=1536%2C819&amp;ssl=1 1536w, https:\/\/i0.wp.com\/itayachtscanada.com\/wp-content\/uploads\/2024\/10\/Capture-decran-le-2024-10-24-a-16.00.36.jpg?resize=700%2C373&amp;ssl=1 700w, https:\/\/i0.wp.com\/itayachtscanada.com\/wp-content\/uploads\/2024\/10\/Capture-decran-le-2024-10-24-a-16.00.36.jpg?resize=750%2C400&amp;ssl=1 750w, https:\/\/i0.wp.com\/itayachtscanada.com\/wp-content\/uploads\/2024\/10\/Capture-decran-le-2024-10-24-a-16.00.36.jpg?w=1400&amp;ssl=1 1400w\" width=\"532\" height=\"284\" loading=\"lazy\" data-original-width=\"532\" data-original-height=\"284\" itemprop=\"http:\/\/schema.org\/image\" title=\"Capture d\u2019e\u0301cran, le 2024-10-24 a\u0300 16.00.36\" alt=\"Capture d\u2019e\u0301cran, le 2024-10-24 a\u0300 16.00.36\" style=\"width: 532px; height: 284px;\" \/> <\/a> <\/div> <\/div> <!-- close group --> <div class=\"gallery-group images-1\" style=\"width: 164px; height: 288px;\" data-original-width=\"164\" data-original-height=\"288\" > <div class=\"tiled-gallery-item tiled-gallery-item-small\" itemprop=\"associatedMedia\" itemscope itemtype=\"http:\/\/schema.org\/ImageObject\"> <a href=\"https:\/\/itayachtscanada.com\/fr\/listing\/prestige-m48-2024-e1567000-euros-for-sale\/capture-decran-le-2024-10-24-a-15-57-49\/\" border=\"0\" itemprop=\"url\"> <meta itemprop=\"width\" content=\"160\"> <meta itemprop=\"height\" content=\"284\"> <img decoding=\"async\" class=\"\" data-attachment-id=\"182277\" data-orig-file=\"https:\/\/itayachtscanada.com\/wp-content\/uploads\/2024\/10\/Capture-decran-le-2024-10-24-a-15.57.49.jpg\" data-orig-size=\"570,1008\" data-comments-opened=\"1\" data-image-meta=\"{&quot;aperture&quot;:&quot;0&quot;,&quot;credit&quot;:&quot;&quot;,&quot;camera&quot;:&quot;&quot;,&quot;caption&quot;:&quot;&quot;,&quot;created_timestamp&quot;:&quot;0&quot;,&quot;copyright&quot;:&quot;&quot;,&quot;focal_length&quot;:&quot;0&quot;,&quot;iso&quot;:&quot;0&quot;,&quot;shutter_speed&quot;:&quot;0&quot;,&quot;title&quot;:&quot;&quot;,&quot;orientation&quot;:&quot;0&quot;}\" data-image-title=\"Capture d\u2019e\u0301cran, le 2024-10-24 a\u0300 15.57.49\" data-image-description=\"\" data-medium-file=\"https:\/\/i0.wp.com\/itayachtscanada.com\/wp-content\/uploads\/2024\/10\/Capture-decran-le-2024-10-24-a-15.57.49.jpg?fit=170%2C300&#038;ssl=1\" data-large-file=\"https:\/\/i0.wp.com\/itayachtscanada.com\/wp-content\/uploads\/2024\/10\/Capture-decran-le-2024-10-24-a-15.57.49.jpg?fit=570%2C1008&#038;ssl=1\" src=\"https:\/\/i0.wp.com\/itayachtscanada.com\/wp-content\/uploads\/2024\/10\/Capture-decran-le-2024-10-24-a-15.57.49.jpg?w=160&#038;h=284&#038;ssl=1\" srcset=\"https:\/\/i0.wp.com\/itayachtscanada.com\/wp-content\/uploads\/2024\/10\/Capture-decran-le-2024-10-24-a-15.57.49.jpg?w=570&amp;ssl=1 570w, https:\/\/i0.wp.com\/itayachtscanada.com\/wp-content\/uploads\/2024\/10\/Capture-decran-le-2024-10-24-a-15.57.49.jpg?resize=226%2C400&amp;ssl=1 226w\" width=\"160\" height=\"284\" loading=\"lazy\" data-original-width=\"160\" data-original-height=\"284\" itemprop=\"http:\/\/schema.org\/image\" title=\"Capture d\u2019e\u0301cran, le 2024-10-24 a\u0300 15.57.49\" alt=\"Capture d\u2019e\u0301cran, le 2024-10-24 a\u0300 15.57.49\" style=\"width: 160px; height: 284px;\" \/> <\/a> <\/div> <\/div> <!-- close group --> <\/div> <!-- close row --> <div class=\"gallery-row\" style=\"width: 700px; height: 201px;\" data-original-width=\"700\" data-original-height=\"201\" > <div class=\"gallery-group images-1\" style=\"width: 114px; height: 201px;\" data-original-width=\"114\" data-original-height=\"201\" > <div class=\"tiled-gallery-item tiled-gallery-item-small\" itemprop=\"associatedMedia\" itemscope itemtype=\"http:\/\/schema.org\/ImageObject\"> <a href=\"https:\/\/itayachtscanada.com\/fr\/listing\/prestige-m48-2024-e1567000-euros-for-sale\/capture-decran-le-2024-10-24-a-15-59-21\/\" border=\"0\" itemprop=\"url\"> <meta itemprop=\"width\" content=\"110\"> <meta itemprop=\"height\" content=\"197\"> <img decoding=\"async\" class=\"\" data-attachment-id=\"182273\" data-orig-file=\"https:\/\/itayachtscanada.com\/wp-content\/uploads\/2024\/10\/Capture-decran-le-2024-10-24-a-15.59.21.jpg\" data-orig-size=\"560,1008\" data-comments-opened=\"1\" data-image-meta=\"{&quot;aperture&quot;:&quot;0&quot;,&quot;credit&quot;:&quot;&quot;,&quot;camera&quot;:&quot;&quot;,&quot;caption&quot;:&quot;&quot;,&quot;created_timestamp&quot;:&quot;0&quot;,&quot;copyright&quot;:&quot;&quot;,&quot;focal_length&quot;:&quot;0&quot;,&quot;iso&quot;:&quot;0&quot;,&quot;shutter_speed&quot;:&quot;0&quot;,&quot;title&quot;:&quot;&quot;,&quot;orientation&quot;:&quot;0&quot;}\" data-image-title=\"Capture d\u2019e\u0301cran, le 2024-10-24 a\u0300 15.59.21\" data-image-description=\"\" data-medium-file=\"https:\/\/i0.wp.com\/itayachtscanada.com\/wp-content\/uploads\/2024\/10\/Capture-decran-le-2024-10-24-a-15.59.21.jpg?fit=167%2C300&#038;ssl=1\" data-large-file=\"https:\/\/i0.wp.com\/itayachtscanada.com\/wp-content\/uploads\/2024\/10\/Capture-decran-le-2024-10-24-a-15.59.21.jpg?fit=560%2C1008&#038;ssl=1\" src=\"https:\/\/i0.wp.com\/itayachtscanada.com\/wp-content\/uploads\/2024\/10\/Capture-decran-le-2024-10-24-a-15.59.21.jpg?w=110&#038;h=197&#038;ssl=1\" srcset=\"https:\/\/i0.wp.com\/itayachtscanada.com\/wp-content\/uploads\/2024\/10\/Capture-decran-le-2024-10-24-a-15.59.21.jpg?w=560&amp;ssl=1 560w, https:\/\/i0.wp.com\/itayachtscanada.com\/wp-content\/uploads\/2024\/10\/Capture-decran-le-2024-10-24-a-15.59.21.jpg?resize=167%2C300&amp;ssl=1 167w, https:\/\/i0.wp.com\/itayachtscanada.com\/wp-content\/uploads\/2024\/10\/Capture-decran-le-2024-10-24-a-15.59.21.jpg?resize=222%2C400&amp;ssl=1 222w\" width=\"110\" height=\"197\" loading=\"lazy\" data-original-width=\"110\" data-original-height=\"197\" itemprop=\"http:\/\/schema.org\/image\" title=\"Capture d\u2019e\u0301cran, le 2024-10-24 a\u0300 15.59.21\" alt=\"Capture d\u2019e\u0301cran, le 2024-10-24 a\u0300 15.59.21\" style=\"width: 110px; height: 197px;\" \/> <\/a> <\/div> <\/div> <!-- close group --> <div class=\"gallery-group images-1\" style=\"width: 356px; height: 201px;\" data-original-width=\"356\" data-original-height=\"201\" > <div class=\"tiled-gallery-item tiled-gallery-item-large\" itemprop=\"associatedMedia\" itemscope itemtype=\"http:\/\/schema.org\/ImageObject\"> <a href=\"https:\/\/itayachtscanada.com\/fr\/listing\/prestige-m48-2024-e1567000-euros-for-sale\/capture-decran-le-2024-10-24-a-15-57-59\/\" border=\"0\" itemprop=\"url\"> <meta itemprop=\"width\" content=\"352\"> <meta itemprop=\"height\" content=\"197\"> <img decoding=\"async\" class=\"\" data-attachment-id=\"182276\" data-orig-file=\"https:\/\/itayachtscanada.com\/wp-content\/uploads\/2024\/10\/Capture-decran-le-2024-10-24-a-15.57.59.jpg\" data-orig-size=\"1802,1008\" data-comments-opened=\"1\" data-image-meta=\"{&quot;aperture&quot;:&quot;0&quot;,&quot;credit&quot;:&quot;&quot;,&quot;camera&quot;:&quot;&quot;,&quot;caption&quot;:&quot;&quot;,&quot;created_timestamp&quot;:&quot;0&quot;,&quot;copyright&quot;:&quot;&quot;,&quot;focal_length&quot;:&quot;0&quot;,&quot;iso&quot;:&quot;0&quot;,&quot;shutter_speed&quot;:&quot;0&quot;,&quot;title&quot;:&quot;&quot;,&quot;orientation&quot;:&quot;0&quot;}\" data-image-title=\"Capture d\u2019e\u0301cran, le 2024-10-24 a\u0300 15.57.59\" data-image-description=\"\" data-medium-file=\"https:\/\/i0.wp.com\/itayachtscanada.com\/wp-content\/uploads\/2024\/10\/Capture-decran-le-2024-10-24-a-15.57.59.jpg?fit=300%2C168&#038;ssl=1\" data-large-file=\"https:\/\/i0.wp.com\/itayachtscanada.com\/wp-content\/uploads\/2024\/10\/Capture-decran-le-2024-10-24-a-15.57.59.jpg?fit=700%2C392&#038;ssl=1\" src=\"https:\/\/i0.wp.com\/itayachtscanada.com\/wp-content\/uploads\/2024\/10\/Capture-decran-le-2024-10-24-a-15.57.59.jpg?w=352&#038;h=197&#038;ssl=1\" srcset=\"https:\/\/i0.wp.com\/itayachtscanada.com\/wp-content\/uploads\/2024\/10\/Capture-decran-le-2024-10-24-a-15.57.59.jpg?w=1802&amp;ssl=1 1802w, https:\/\/i0.wp.com\/itayachtscanada.com\/wp-content\/uploads\/2024\/10\/Capture-decran-le-2024-10-24-a-15.57.59.jpg?resize=300%2C168&amp;ssl=1 300w, https:\/\/i0.wp.com\/itayachtscanada.com\/wp-content\/uploads\/2024\/10\/Capture-decran-le-2024-10-24-a-15.57.59.jpg?resize=1024%2C573&amp;ssl=1 1024w, https:\/\/i0.wp.com\/itayachtscanada.com\/wp-content\/uploads\/2024\/10\/Capture-decran-le-2024-10-24-a-15.57.59.jpg?resize=768%2C430&amp;ssl=1 768w, https:\/\/i0.wp.com\/itayachtscanada.com\/wp-content\/uploads\/2024\/10\/Capture-decran-le-2024-10-24-a-15.57.59.jpg?resize=1536%2C859&amp;ssl=1 1536w, https:\/\/i0.wp.com\/itayachtscanada.com\/wp-content\/uploads\/2024\/10\/Capture-decran-le-2024-10-24-a-15.57.59.jpg?resize=700%2C392&amp;ssl=1 700w, https:\/\/i0.wp.com\/itayachtscanada.com\/wp-content\/uploads\/2024\/10\/Capture-decran-le-2024-10-24-a-15.57.59.jpg?resize=715%2C400&amp;ssl=1 715w, https:\/\/i0.wp.com\/itayachtscanada.com\/wp-content\/uploads\/2024\/10\/Capture-decran-le-2024-10-24-a-15.57.59.jpg?w=1400&amp;ssl=1 1400w\" width=\"352\" height=\"197\" loading=\"lazy\" data-original-width=\"352\" data-original-height=\"197\" itemprop=\"http:\/\/schema.org\/image\" title=\"Capture d\u2019e\u0301cran, le 2024-10-24 a\u0300 15.57.59\" alt=\"Capture d\u2019e\u0301cran, le 2024-10-24 a\u0300 15.57.59\" style=\"width: 352px; height: 197px;\" \/> <\/a> <\/div> <\/div> <!-- close group --> <div class=\"gallery-group images-1\" style=\"width: 113px; height: 201px;\" data-original-width=\"113\" data-original-height=\"201\" > <div class=\"tiled-gallery-item tiled-gallery-item-small\" itemprop=\"associatedMedia\" itemscope itemtype=\"http:\/\/schema.org\/ImageObject\"> <a href=\"https:\/\/itayachtscanada.com\/fr\/listing\/prestige-m48-2024-e1567000-euros-for-sale\/capture-decran-le-2024-10-24-a-15-59-37\/\" border=\"0\" itemprop=\"url\"> <meta itemprop=\"width\" content=\"109\"> <meta itemprop=\"height\" content=\"197\"> <img decoding=\"async\" class=\"\" data-attachment-id=\"182271\" data-orig-file=\"https:\/\/itayachtscanada.com\/wp-content\/uploads\/2024\/10\/Capture-decran-le-2024-10-24-a-15.59.37.jpg\" data-orig-size=\"560,1008\" data-comments-opened=\"1\" data-image-meta=\"{&quot;aperture&quot;:&quot;0&quot;,&quot;credit&quot;:&quot;&quot;,&quot;camera&quot;:&quot;&quot;,&quot;caption&quot;:&quot;&quot;,&quot;created_timestamp&quot;:&quot;0&quot;,&quot;copyright&quot;:&quot;&quot;,&quot;focal_length&quot;:&quot;0&quot;,&quot;iso&quot;:&quot;0&quot;,&quot;shutter_speed&quot;:&quot;0&quot;,&quot;title&quot;:&quot;&quot;,&quot;orientation&quot;:&quot;0&quot;}\" data-image-title=\"Capture d\u2019e\u0301cran, le 2024-10-24 a\u0300 15.59.37\" data-image-description=\"\" data-medium-file=\"https:\/\/i0.wp.com\/itayachtscanada.com\/wp-content\/uploads\/2024\/10\/Capture-decran-le-2024-10-24-a-15.59.37.jpg?fit=167%2C300&#038;ssl=1\" data-large-file=\"https:\/\/i0.wp.com\/itayachtscanada.com\/wp-content\/uploads\/2024\/10\/Capture-decran-le-2024-10-24-a-15.59.37.jpg?fit=560%2C1008&#038;ssl=1\" src=\"https:\/\/i0.wp.com\/itayachtscanada.com\/wp-content\/uploads\/2024\/10\/Capture-decran-le-2024-10-24-a-15.59.37.jpg?w=109&#038;h=197&#038;ssl=1\" srcset=\"https:\/\/i0.wp.com\/itayachtscanada.com\/wp-content\/uploads\/2024\/10\/Capture-decran-le-2024-10-24-a-15.59.37.jpg?w=560&amp;ssl=1 560w, https:\/\/i0.wp.com\/itayachtscanada.com\/wp-content\/uploads\/2024\/10\/Capture-decran-le-2024-10-24-a-15.59.37.jpg?resize=167%2C300&amp;ssl=1 167w, https:\/\/i0.wp.com\/itayachtscanada.com\/wp-content\/uploads\/2024\/10\/Capture-decran-le-2024-10-24-a-15.59.37.jpg?resize=222%2C400&amp;ssl=1 222w\" width=\"109\" height=\"197\" loading=\"lazy\" data-original-width=\"109\" data-original-height=\"197\" itemprop=\"http:\/\/schema.org\/image\" title=\"Capture d\u2019e\u0301cran, le 2024-10-24 a\u0300 15.59.37\" alt=\"Capture d\u2019e\u0301cran, le 2024-10-24 a\u0300 15.59.37\" style=\"width: 109px; height: 197px;\" \/> <\/a> <\/div> <\/div> <!-- close group --> <div class=\"gallery-group images-1\" style=\"width: 117px; height: 201px;\" data-original-width=\"117\" data-original-height=\"201\" > <div class=\"tiled-gallery-item tiled-gallery-item-small\" itemprop=\"associatedMedia\" itemscope itemtype=\"http:\/\/schema.org\/ImageObject\"> <a href=\"https:\/\/itayachtscanada.com\/fr\/listing\/prestige-m48-2024-e1567000-euros-for-sale\/capture-decran-le-2024-10-24-a-15-58-10\/\" border=\"0\" itemprop=\"url\"> <meta itemprop=\"width\" content=\"113\"> <meta itemprop=\"height\" content=\"197\"> <img decoding=\"async\" class=\"\" data-attachment-id=\"182275\" data-orig-file=\"https:\/\/itayachtscanada.com\/wp-content\/uploads\/2024\/10\/Capture-decran-le-2024-10-24-a-15.58.10.jpg\" data-orig-size=\"576,1008\" data-comments-opened=\"1\" data-image-meta=\"{&quot;aperture&quot;:&quot;0&quot;,&quot;credit&quot;:&quot;&quot;,&quot;camera&quot;:&quot;&quot;,&quot;caption&quot;:&quot;&quot;,&quot;created_timestamp&quot;:&quot;0&quot;,&quot;copyright&quot;:&quot;&quot;,&quot;focal_length&quot;:&quot;0&quot;,&quot;iso&quot;:&quot;0&quot;,&quot;shutter_speed&quot;:&quot;0&quot;,&quot;title&quot;:&quot;&quot;,&quot;orientation&quot;:&quot;0&quot;}\" data-image-title=\"Capture d\u2019e\u0301cran, le 2024-10-24 a\u0300 15.58.10\" data-image-description=\"\" data-medium-file=\"https:\/\/i0.wp.com\/itayachtscanada.com\/wp-content\/uploads\/2024\/10\/Capture-decran-le-2024-10-24-a-15.58.10.jpg?fit=171%2C300&#038;ssl=1\" data-large-file=\"https:\/\/i0.wp.com\/itayachtscanada.com\/wp-content\/uploads\/2024\/10\/Capture-decran-le-2024-10-24-a-15.58.10.jpg?fit=576%2C1008&#038;ssl=1\" src=\"https:\/\/i0.wp.com\/itayachtscanada.com\/wp-content\/uploads\/2024\/10\/Capture-decran-le-2024-10-24-a-15.58.10.jpg?w=113&#038;h=197&#038;ssl=1\" srcset=\"https:\/\/i0.wp.com\/itayachtscanada.com\/wp-content\/uploads\/2024\/10\/Capture-decran-le-2024-10-24-a-15.58.10.jpg?w=576&amp;ssl=1 576w, https:\/\/i0.wp.com\/itayachtscanada.com\/wp-content\/uploads\/2024\/10\/Capture-decran-le-2024-10-24-a-15.58.10.jpg?resize=171%2C300&amp;ssl=1 171w, https:\/\/i0.wp.com\/itayachtscanada.com\/wp-content\/uploads\/2024\/10\/Capture-decran-le-2024-10-24-a-15.58.10.jpg?resize=229%2C400&amp;ssl=1 229w\" width=\"113\" height=\"197\" loading=\"lazy\" data-original-width=\"113\" data-original-height=\"197\" itemprop=\"http:\/\/schema.org\/image\" title=\"Capture d\u2019e\u0301cran, le 2024-10-24 a\u0300 15.58.10\" alt=\"Capture d\u2019e\u0301cran, le 2024-10-24 a\u0300 15.58.10\" style=\"width: 113px; height: 197px;\" \/> <\/a> <\/div> <\/div> <!-- close group --> <\/div> <!-- close row --> <div class=\"gallery-row\" style=\"width: 700px; height: 583px;\" data-original-width=\"700\" data-original-height=\"583\" > <div class=\"gallery-group images-1\" style=\"width: 331px; height: 583px;\" data-original-width=\"331\" data-original-height=\"583\" > <div class=\"tiled-gallery-item tiled-gallery-item-large\" itemprop=\"associatedMedia\" itemscope itemtype=\"http:\/\/schema.org\/ImageObject\"> <a href=\"https:\/\/itayachtscanada.com\/fr\/listing\/prestige-m48-2024-e1567000-euros-for-sale\/capture-decran-le-2024-10-24-a-16-00-31\/\" border=\"0\" itemprop=\"url\"> <meta itemprop=\"width\" content=\"327\"> <meta itemprop=\"height\" content=\"579\"> <img decoding=\"async\" class=\"\" data-attachment-id=\"182266\" data-orig-file=\"https:\/\/itayachtscanada.com\/wp-content\/uploads\/2024\/10\/Capture-decran-le-2024-10-24-a-16.00.31.jpg\" data-orig-size=\"570,1008\" data-comments-opened=\"1\" data-image-meta=\"{&quot;aperture&quot;:&quot;0&quot;,&quot;credit&quot;:&quot;&quot;,&quot;camera&quot;:&quot;&quot;,&quot;caption&quot;:&quot;&quot;,&quot;created_timestamp&quot;:&quot;0&quot;,&quot;copyright&quot;:&quot;&quot;,&quot;focal_length&quot;:&quot;0&quot;,&quot;iso&quot;:&quot;0&quot;,&quot;shutter_speed&quot;:&quot;0&quot;,&quot;title&quot;:&quot;&quot;,&quot;orientation&quot;:&quot;0&quot;}\" data-image-title=\"Capture d\u2019e\u0301cran, le 2024-10-24 a\u0300 16.00.31\" data-image-description=\"\" data-medium-file=\"https:\/\/i0.wp.com\/itayachtscanada.com\/wp-content\/uploads\/2024\/10\/Capture-decran-le-2024-10-24-a-16.00.31.jpg?fit=170%2C300&#038;ssl=1\" data-large-file=\"https:\/\/i0.wp.com\/itayachtscanada.com\/wp-content\/uploads\/2024\/10\/Capture-decran-le-2024-10-24-a-16.00.31.jpg?fit=570%2C1008&#038;ssl=1\" src=\"https:\/\/i0.wp.com\/itayachtscanada.com\/wp-content\/uploads\/2024\/10\/Capture-decran-le-2024-10-24-a-16.00.31.jpg?w=327&#038;h=579&#038;ssl=1\" srcset=\"https:\/\/i0.wp.com\/itayachtscanada.com\/wp-content\/uploads\/2024\/10\/Capture-decran-le-2024-10-24-a-16.00.31.jpg?w=570&amp;ssl=1 570w, https:\/\/i0.wp.com\/itayachtscanada.com\/wp-content\/uploads\/2024\/10\/Capture-decran-le-2024-10-24-a-16.00.31.jpg?resize=170%2C300&amp;ssl=1 170w, https:\/\/i0.wp.com\/itayachtscanada.com\/wp-content\/uploads\/2024\/10\/Capture-decran-le-2024-10-24-a-16.00.31.jpg?resize=226%2C400&amp;ssl=1 226w\" width=\"327\" height=\"579\" loading=\"lazy\" data-original-width=\"327\" data-original-height=\"579\" itemprop=\"http:\/\/schema.org\/image\" title=\"Capture d\u2019e\u0301cran, le 2024-10-24 a\u0300 16.00.31\" alt=\"Capture d\u2019e\u0301cran, le 2024-10-24 a\u0300 16.00.31\" style=\"width: 327px; height: 579px;\" \/> <\/a> <\/div> <\/div> <!-- close group --> <div class=\"gallery-group images-2\" style=\"width: 369px; height: 583px;\" data-original-width=\"369\" data-original-height=\"583\" > <div class=\"tiled-gallery-item tiled-gallery-item-large\" itemprop=\"associatedMedia\" itemscope itemtype=\"http:\/\/schema.org\/ImageObject\"> <a href=\"https:\/\/itayachtscanada.com\/fr\/listing\/prestige-m48-2024-e1567000-euros-for-sale\/capture-decran-le-2024-10-24-a-16-00-07\/\" border=\"0\" itemprop=\"url\"> <meta itemprop=\"width\" content=\"365\"> <meta itemprop=\"height\" content=\"203\"> <img decoding=\"async\" class=\"\" data-attachment-id=\"182268\" data-orig-file=\"https:\/\/itayachtscanada.com\/wp-content\/uploads\/2024\/10\/Capture-decran-le-2024-10-24-a-16.00.07.jpg\" data-orig-size=\"1808,1008\" data-comments-opened=\"1\" data-image-meta=\"{&quot;aperture&quot;:&quot;0&quot;,&quot;credit&quot;:&quot;&quot;,&quot;camera&quot;:&quot;&quot;,&quot;caption&quot;:&quot;&quot;,&quot;created_timestamp&quot;:&quot;0&quot;,&quot;copyright&quot;:&quot;&quot;,&quot;focal_length&quot;:&quot;0&quot;,&quot;iso&quot;:&quot;0&quot;,&quot;shutter_speed&quot;:&quot;0&quot;,&quot;title&quot;:&quot;&quot;,&quot;orientation&quot;:&quot;0&quot;}\" data-image-title=\"Capture d\u2019e\u0301cran, le 2024-10-24 a\u0300 16.00.07\" data-image-description=\"\" data-medium-file=\"https:\/\/i0.wp.com\/itayachtscanada.com\/wp-content\/uploads\/2024\/10\/Capture-decran-le-2024-10-24-a-16.00.07.jpg?fit=300%2C167&#038;ssl=1\" data-large-file=\"https:\/\/i0.wp.com\/itayachtscanada.com\/wp-content\/uploads\/2024\/10\/Capture-decran-le-2024-10-24-a-16.00.07.jpg?fit=700%2C390&#038;ssl=1\" src=\"https:\/\/i0.wp.com\/itayachtscanada.com\/wp-content\/uploads\/2024\/10\/Capture-decran-le-2024-10-24-a-16.00.07.jpg?w=365&#038;h=203&#038;ssl=1\" srcset=\"https:\/\/i0.wp.com\/itayachtscanada.com\/wp-content\/uploads\/2024\/10\/Capture-decran-le-2024-10-24-a-16.00.07.jpg?w=1808&amp;ssl=1 1808w, https:\/\/i0.wp.com\/itayachtscanada.com\/wp-content\/uploads\/2024\/10\/Capture-decran-le-2024-10-24-a-16.00.07.jpg?resize=300%2C167&amp;ssl=1 300w, https:\/\/i0.wp.com\/itayachtscanada.com\/wp-content\/uploads\/2024\/10\/Capture-decran-le-2024-10-24-a-16.00.07.jpg?resize=1024%2C571&amp;ssl=1 1024w, https:\/\/i0.wp.com\/itayachtscanada.com\/wp-content\/uploads\/2024\/10\/Capture-decran-le-2024-10-24-a-16.00.07.jpg?resize=768%2C428&amp;ssl=1 768w, https:\/\/i0.wp.com\/itayachtscanada.com\/wp-content\/uploads\/2024\/10\/Capture-decran-le-2024-10-24-a-16.00.07.jpg?resize=1536%2C856&amp;ssl=1 1536w, https:\/\/i0.wp.com\/itayachtscanada.com\/wp-content\/uploads\/2024\/10\/Capture-decran-le-2024-10-24-a-16.00.07.jpg?resize=700%2C390&amp;ssl=1 700w, https:\/\/i0.wp.com\/itayachtscanada.com\/wp-content\/uploads\/2024\/10\/Capture-decran-le-2024-10-24-a-16.00.07.jpg?resize=717%2C400&amp;ssl=1 717w, https:\/\/i0.wp.com\/itayachtscanada.com\/wp-content\/uploads\/2024\/10\/Capture-decran-le-2024-10-24-a-16.00.07.jpg?w=1400&amp;ssl=1 1400w\" width=\"365\" height=\"203\" loading=\"lazy\" data-original-width=\"365\" data-original-height=\"203\" itemprop=\"http:\/\/schema.org\/image\" title=\"Capture d\u2019e\u0301cran, le 2024-10-24 a\u0300 16.00.07\" alt=\"Capture d\u2019e\u0301cran, le 2024-10-24 a\u0300 16.00.07\" style=\"width: 365px; height: 203px;\" \/> <\/a> <\/div> <div class=\"tiled-gallery-item tiled-gallery-item-large\" itemprop=\"associatedMedia\" itemscope itemtype=\"http:\/\/schema.org\/ImageObject\"> <a href=\"https:\/\/itayachtscanada.com\/fr\/listing\/prestige-m48-2024-e1567000-euros-for-sale\/capture-decran-le-2024-10-24-a-15-59-44\/\" border=\"0\" itemprop=\"url\"> <meta itemprop=\"width\" content=\"365\"> <meta itemprop=\"height\" content=\"372\"> <img decoding=\"async\" class=\"\" data-attachment-id=\"182270\" data-orig-file=\"https:\/\/itayachtscanada.com\/wp-content\/uploads\/2024\/10\/Capture-decran-le-2024-10-24-a-15.59.44.jpg\" data-orig-size=\"990,1008\" data-comments-opened=\"1\" data-image-meta=\"{&quot;aperture&quot;:&quot;0&quot;,&quot;credit&quot;:&quot;&quot;,&quot;camera&quot;:&quot;&quot;,&quot;caption&quot;:&quot;&quot;,&quot;created_timestamp&quot;:&quot;0&quot;,&quot;copyright&quot;:&quot;&quot;,&quot;focal_length&quot;:&quot;0&quot;,&quot;iso&quot;:&quot;0&quot;,&quot;shutter_speed&quot;:&quot;0&quot;,&quot;title&quot;:&quot;&quot;,&quot;orientation&quot;:&quot;0&quot;}\" data-image-title=\"Capture d\u2019e\u0301cran, le 2024-10-24 a\u0300 15.59.44\" data-image-description=\"\" data-medium-file=\"https:\/\/i0.wp.com\/itayachtscanada.com\/wp-content\/uploads\/2024\/10\/Capture-decran-le-2024-10-24-a-15.59.44.jpg?fit=295%2C300&#038;ssl=1\" data-large-file=\"https:\/\/i0.wp.com\/itayachtscanada.com\/wp-content\/uploads\/2024\/10\/Capture-decran-le-2024-10-24-a-15.59.44.jpg?fit=700%2C713&#038;ssl=1\" src=\"https:\/\/i0.wp.com\/itayachtscanada.com\/wp-content\/uploads\/2024\/10\/Capture-decran-le-2024-10-24-a-15.59.44.jpg?w=365&#038;h=372&#038;ssl=1\" srcset=\"https:\/\/i0.wp.com\/itayachtscanada.com\/wp-content\/uploads\/2024\/10\/Capture-decran-le-2024-10-24-a-15.59.44.jpg?w=990&amp;ssl=1 990w, https:\/\/i0.wp.com\/itayachtscanada.com\/wp-content\/uploads\/2024\/10\/Capture-decran-le-2024-10-24-a-15.59.44.jpg?resize=295%2C300&amp;ssl=1 295w, https:\/\/i0.wp.com\/itayachtscanada.com\/wp-content\/uploads\/2024\/10\/Capture-decran-le-2024-10-24-a-15.59.44.jpg?resize=768%2C782&amp;ssl=1 768w, https:\/\/i0.wp.com\/itayachtscanada.com\/wp-content\/uploads\/2024\/10\/Capture-decran-le-2024-10-24-a-15.59.44.jpg?resize=60%2C60&amp;ssl=1 60w, https:\/\/i0.wp.com\/itayachtscanada.com\/wp-content\/uploads\/2024\/10\/Capture-decran-le-2024-10-24-a-15.59.44.jpg?resize=700%2C713&amp;ssl=1 700w, https:\/\/i0.wp.com\/itayachtscanada.com\/wp-content\/uploads\/2024\/10\/Capture-decran-le-2024-10-24-a-15.59.44.jpg?resize=393%2C400&amp;ssl=1 393w, https:\/\/i0.wp.com\/itayachtscanada.com\/wp-content\/uploads\/2024\/10\/Capture-decran-le-2024-10-24-a-15.59.44.jpg?resize=50%2C50&amp;ssl=1 50w\" width=\"365\" height=\"372\" loading=\"lazy\" data-original-width=\"365\" data-original-height=\"372\" itemprop=\"http:\/\/schema.org\/image\" title=\"Capture d\u2019e\u0301cran, le 2024-10-24 a\u0300 15.59.44\" alt=\"Capture d\u2019e\u0301cran, le 2024-10-24 a\u0300 15.59.44\" style=\"width: 365px; height: 372px;\" \/> <\/a> <\/div> <\/div> <!-- close group --> <\/div> <!-- close row --> <div class=\"gallery-row\" style=\"width: 700px; height: 196px;\" data-original-width=\"700\" data-original-height=\"196\" > <div class=\"gallery-group images-1\" style=\"width: 111px; height: 196px;\" data-original-width=\"111\" data-original-height=\"196\" > <div class=\"tiled-gallery-item tiled-gallery-item-small\" itemprop=\"associatedMedia\" itemscope itemtype=\"http:\/\/schema.org\/ImageObject\"> <a href=\"https:\/\/itayachtscanada.com\/fr\/listing\/prestige-m48-2024-e1567000-euros-for-sale\/capture-decran-le-2024-10-24-a-15-59-32\/\" border=\"0\" itemprop=\"url\"> <meta itemprop=\"width\" content=\"107\"> <meta itemprop=\"height\" content=\"192\"> <img decoding=\"async\" class=\"\" data-attachment-id=\"182272\" data-orig-file=\"https:\/\/itayachtscanada.com\/wp-content\/uploads\/2024\/10\/Capture-decran-le-2024-10-24-a-15.59.32.jpg\" data-orig-size=\"560,1008\" data-comments-opened=\"1\" data-image-meta=\"{&quot;aperture&quot;:&quot;0&quot;,&quot;credit&quot;:&quot;&quot;,&quot;camera&quot;:&quot;&quot;,&quot;caption&quot;:&quot;&quot;,&quot;created_timestamp&quot;:&quot;0&quot;,&quot;copyright&quot;:&quot;&quot;,&quot;focal_length&quot;:&quot;0&quot;,&quot;iso&quot;:&quot;0&quot;,&quot;shutter_speed&quot;:&quot;0&quot;,&quot;title&quot;:&quot;&quot;,&quot;orientation&quot;:&quot;0&quot;}\" data-image-title=\"Capture d\u2019e\u0301cran, le 2024-10-24 a\u0300 15.59.32\" data-image-description=\"\" data-medium-file=\"https:\/\/i0.wp.com\/itayachtscanada.com\/wp-content\/uploads\/2024\/10\/Capture-decran-le-2024-10-24-a-15.59.32.jpg?fit=167%2C300&#038;ssl=1\" data-large-file=\"https:\/\/i0.wp.com\/itayachtscanada.com\/wp-content\/uploads\/2024\/10\/Capture-decran-le-2024-10-24-a-15.59.32.jpg?fit=560%2C1008&#038;ssl=1\" src=\"https:\/\/i0.wp.com\/itayachtscanada.com\/wp-content\/uploads\/2024\/10\/Capture-decran-le-2024-10-24-a-15.59.32.jpg?w=107&#038;h=192&#038;ssl=1\" srcset=\"https:\/\/i0.wp.com\/itayachtscanada.com\/wp-content\/uploads\/2024\/10\/Capture-decran-le-2024-10-24-a-15.59.32.jpg?w=560&amp;ssl=1 560w, https:\/\/i0.wp.com\/itayachtscanada.com\/wp-content\/uploads\/2024\/10\/Capture-decran-le-2024-10-24-a-15.59.32.jpg?resize=167%2C300&amp;ssl=1 167w, https:\/\/i0.wp.com\/itayachtscanada.com\/wp-content\/uploads\/2024\/10\/Capture-decran-le-2024-10-24-a-15.59.32.jpg?resize=222%2C400&amp;ssl=1 222w\" width=\"107\" height=\"192\" loading=\"lazy\" data-original-width=\"107\" data-original-height=\"192\" itemprop=\"http:\/\/schema.org\/image\" title=\"Capture d\u2019e\u0301cran, le 2024-10-24 a\u0300 15.59.32\" alt=\"Capture d\u2019e\u0301cran, le 2024-10-24 a\u0300 15.59.32\" style=\"width: 107px; height: 192px;\" \/> <\/a> <\/div> <\/div> <!-- close group --> <div class=\"gallery-group images-1\" style=\"width: 114px; height: 196px;\" data-original-width=\"114\" data-original-height=\"196\" > <div class=\"tiled-gallery-item tiled-gallery-item-small\" itemprop=\"associatedMedia\" itemscope itemtype=\"http:\/\/schema.org\/ImageObject\"> <a href=\"https:\/\/itayachtscanada.com\/fr\/listing\/prestige-m48-2024-e1567000-euros-for-sale\/capture-decran-le-2024-10-24-a-15-58-19\/\" border=\"0\" itemprop=\"url\"> <meta itemprop=\"width\" content=\"110\"> <meta itemprop=\"height\" content=\"192\"> <img decoding=\"async\" class=\"\" data-attachment-id=\"182274\" data-orig-file=\"https:\/\/itayachtscanada.com\/wp-content\/uploads\/2024\/10\/Capture-decran-le-2024-10-24-a-15.58.19.jpg\" data-orig-size=\"576,1008\" data-comments-opened=\"1\" data-image-meta=\"{&quot;aperture&quot;:&quot;0&quot;,&quot;credit&quot;:&quot;&quot;,&quot;camera&quot;:&quot;&quot;,&quot;caption&quot;:&quot;&quot;,&quot;created_timestamp&quot;:&quot;0&quot;,&quot;copyright&quot;:&quot;&quot;,&quot;focal_length&quot;:&quot;0&quot;,&quot;iso&quot;:&quot;0&quot;,&quot;shutter_speed&quot;:&quot;0&quot;,&quot;title&quot;:&quot;&quot;,&quot;orientation&quot;:&quot;0&quot;}\" data-image-title=\"Capture d\u2019e\u0301cran, le 2024-10-24 a\u0300 15.58.19\" data-image-description=\"\" data-medium-file=\"https:\/\/i0.wp.com\/itayachtscanada.com\/wp-content\/uploads\/2024\/10\/Capture-decran-le-2024-10-24-a-15.58.19.jpg?fit=171%2C300&#038;ssl=1\" data-large-file=\"https:\/\/i0.wp.com\/itayachtscanada.com\/wp-content\/uploads\/2024\/10\/Capture-decran-le-2024-10-24-a-15.58.19.jpg?fit=576%2C1008&#038;ssl=1\" src=\"https:\/\/i0.wp.com\/itayachtscanada.com\/wp-content\/uploads\/2024\/10\/Capture-decran-le-2024-10-24-a-15.58.19.jpg?w=110&#038;h=192&#038;ssl=1\" srcset=\"https:\/\/i0.wp.com\/itayachtscanada.com\/wp-content\/uploads\/2024\/10\/Capture-decran-le-2024-10-24-a-15.58.19.jpg?w=576&amp;ssl=1 576w, https:\/\/i0.wp.com\/itayachtscanada.com\/wp-content\/uploads\/2024\/10\/Capture-decran-le-2024-10-24-a-15.58.19.jpg?resize=171%2C300&amp;ssl=1 171w, https:\/\/i0.wp.com\/itayachtscanada.com\/wp-content\/uploads\/2024\/10\/Capture-decran-le-2024-10-24-a-15.58.19.jpg?resize=229%2C400&amp;ssl=1 229w\" width=\"110\" height=\"192\" loading=\"lazy\" data-original-width=\"110\" data-original-height=\"192\" itemprop=\"http:\/\/schema.org\/image\" title=\"Capture d\u2019e\u0301cran, le 2024-10-24 a\u0300 15.58.19\" alt=\"Capture d\u2019e\u0301cran, le 2024-10-24 a\u0300 15.58.19\" style=\"width: 110px; height: 192px;\" \/> <\/a> <\/div> <\/div> <!-- close group --> <div class=\"gallery-group images-1\" style=\"width: 347px; height: 196px;\" data-original-width=\"347\" data-original-height=\"196\" > <div class=\"tiled-gallery-item tiled-gallery-item-large\" itemprop=\"associatedMedia\" itemscope itemtype=\"http:\/\/schema.org\/ImageObject\"> <a href=\"https:\/\/itayachtscanada.com\/fr\/listing\/prestige-m48-2024-e1567000-euros-for-sale\/capture-decran-le-2024-10-24-a-15-57-35\/\" border=\"0\" itemprop=\"url\"> <meta itemprop=\"width\" content=\"343\"> <meta itemprop=\"height\" content=\"192\"> <img decoding=\"async\" class=\"\" data-attachment-id=\"182278\" data-orig-file=\"https:\/\/itayachtscanada.com\/wp-content\/uploads\/2024\/10\/Capture-decran-le-2024-10-24-a-15.57.35.jpg\" data-orig-size=\"1802,1008\" data-comments-opened=\"1\" data-image-meta=\"{&quot;aperture&quot;:&quot;0&quot;,&quot;credit&quot;:&quot;&quot;,&quot;camera&quot;:&quot;&quot;,&quot;caption&quot;:&quot;&quot;,&quot;created_timestamp&quot;:&quot;0&quot;,&quot;copyright&quot;:&quot;&quot;,&quot;focal_length&quot;:&quot;0&quot;,&quot;iso&quot;:&quot;0&quot;,&quot;shutter_speed&quot;:&quot;0&quot;,&quot;title&quot;:&quot;&quot;,&quot;orientation&quot;:&quot;0&quot;}\" data-image-title=\"Capture d\u2019e\u0301cran, le 2024-10-24 a\u0300 15.57.35\" data-image-description=\"\" data-medium-file=\"https:\/\/i0.wp.com\/itayachtscanada.com\/wp-content\/uploads\/2024\/10\/Capture-decran-le-2024-10-24-a-15.57.35.jpg?fit=300%2C168&#038;ssl=1\" data-large-file=\"https:\/\/i0.wp.com\/itayachtscanada.com\/wp-content\/uploads\/2024\/10\/Capture-decran-le-2024-10-24-a-15.57.35.jpg?fit=700%2C392&#038;ssl=1\" src=\"https:\/\/i0.wp.com\/itayachtscanada.com\/wp-content\/uploads\/2024\/10\/Capture-decran-le-2024-10-24-a-15.57.35.jpg?w=343&#038;h=192&#038;ssl=1\" srcset=\"https:\/\/i0.wp.com\/itayachtscanada.com\/wp-content\/uploads\/2024\/10\/Capture-decran-le-2024-10-24-a-15.57.35.jpg?w=1802&amp;ssl=1 1802w, https:\/\/i0.wp.com\/itayachtscanada.com\/wp-content\/uploads\/2024\/10\/Capture-decran-le-2024-10-24-a-15.57.35.jpg?resize=300%2C168&amp;ssl=1 300w, https:\/\/i0.wp.com\/itayachtscanada.com\/wp-content\/uploads\/2024\/10\/Capture-decran-le-2024-10-24-a-15.57.35.jpg?resize=1024%2C573&amp;ssl=1 1024w, https:\/\/i0.wp.com\/itayachtscanada.com\/wp-content\/uploads\/2024\/10\/Capture-decran-le-2024-10-24-a-15.57.35.jpg?resize=768%2C430&amp;ssl=1 768w, https:\/\/i0.wp.com\/itayachtscanada.com\/wp-content\/uploads\/2024\/10\/Capture-decran-le-2024-10-24-a-15.57.35.jpg?resize=1536%2C859&amp;ssl=1 1536w, https:\/\/i0.wp.com\/itayachtscanada.com\/wp-content\/uploads\/2024\/10\/Capture-decran-le-2024-10-24-a-15.57.35.jpg?resize=700%2C392&amp;ssl=1 700w, https:\/\/i0.wp.com\/itayachtscanada.com\/wp-content\/uploads\/2024\/10\/Capture-decran-le-2024-10-24-a-15.57.35.jpg?resize=715%2C400&amp;ssl=1 715w, https:\/\/i0.wp.com\/itayachtscanada.com\/wp-content\/uploads\/2024\/10\/Capture-decran-le-2024-10-24-a-15.57.35.jpg?w=1400&amp;ssl=1 1400w\" width=\"343\" height=\"192\" loading=\"lazy\" data-original-width=\"343\" data-original-height=\"192\" itemprop=\"http:\/\/schema.org\/image\" title=\"Capture d\u2019e\u0301cran, le 2024-10-24 a\u0300 15.57.35\" alt=\"Capture d\u2019e\u0301cran, le 2024-10-24 a\u0300 15.57.35\" style=\"width: 343px; height: 192px;\" \/> <\/a> <\/div> <\/div> <!-- close group --> <div class=\"gallery-group images-1\" style=\"width: 128px; height: 196px;\" data-original-width=\"128\" data-original-height=\"196\" > <div class=\"tiled-gallery-item tiled-gallery-item-small\" itemprop=\"associatedMedia\" itemscope itemtype=\"http:\/\/schema.org\/ImageObject\"> <a href=\"https:\/\/itayachtscanada.com\/fr\/listing\/prestige-m48-2024-e1567000-euros-for-sale\/layout-prestige-m48\/\" border=\"0\" itemprop=\"url\"> <meta itemprop=\"width\" content=\"124\"> <meta itemprop=\"height\" content=\"192\"> <img decoding=\"async\" class=\"\" data-attachment-id=\"182230\" data-orig-file=\"https:\/\/itayachtscanada.com\/wp-content\/uploads\/2024\/10\/Layout-Prestige-M48.jpg\" data-orig-size=\"752,1160\" data-comments-opened=\"1\" data-image-meta=\"{&quot;aperture&quot;:&quot;0&quot;,&quot;credit&quot;:&quot;&quot;,&quot;camera&quot;:&quot;&quot;,&quot;caption&quot;:&quot;&quot;,&quot;created_timestamp&quot;:&quot;0&quot;,&quot;copyright&quot;:&quot;&quot;,&quot;focal_length&quot;:&quot;0&quot;,&quot;iso&quot;:&quot;0&quot;,&quot;shutter_speed&quot;:&quot;0&quot;,&quot;title&quot;:&quot;&quot;,&quot;orientation&quot;:&quot;0&quot;}\" data-image-title=\"Layout Prestige M48\" data-image-description=\"\" data-medium-file=\"https:\/\/i0.wp.com\/itayachtscanada.com\/wp-content\/uploads\/2024\/10\/Layout-Prestige-M48.jpg?fit=194%2C300&#038;ssl=1\" data-large-file=\"https:\/\/i0.wp.com\/itayachtscanada.com\/wp-content\/uploads\/2024\/10\/Layout-Prestige-M48.jpg?fit=664%2C1024&#038;ssl=1\" src=\"https:\/\/i0.wp.com\/itayachtscanada.com\/wp-content\/uploads\/2024\/10\/Layout-Prestige-M48.jpg?w=124&#038;h=192&#038;ssl=1\" srcset=\"https:\/\/i0.wp.com\/itayachtscanada.com\/wp-content\/uploads\/2024\/10\/Layout-Prestige-M48.jpg?w=752&amp;ssl=1 752w, https:\/\/i0.wp.com\/itayachtscanada.com\/wp-content\/uploads\/2024\/10\/Layout-Prestige-M48.jpg?resize=194%2C300&amp;ssl=1 194w, https:\/\/i0.wp.com\/itayachtscanada.com\/wp-content\/uploads\/2024\/10\/Layout-Prestige-M48.jpg?resize=664%2C1024&amp;ssl=1 664w, https:\/\/i0.wp.com\/itayachtscanada.com\/wp-content\/uploads\/2024\/10\/Layout-Prestige-M48.jpg?resize=700%2C1080&amp;ssl=1 700w, https:\/\/i0.wp.com\/itayachtscanada.com\/wp-content\/uploads\/2024\/10\/Layout-Prestige-M48.jpg?resize=259%2C400&amp;ssl=1 259w\" width=\"124\" height=\"192\" loading=\"lazy\" data-original-width=\"124\" data-original-height=\"192\" itemprop=\"http:\/\/schema.org\/image\" title=\"Layout Prestige M48\" alt=\"Layout Prestige M48\" style=\"width: 124px; height: 192px;\" \/> <\/a> <\/div> <\/div> <!-- close group --> <\/div> <!-- close row --> <\/div>\n<div class=\"jetpack-video-wrapper\"><span class=\"embed-youtube\" style=\"text-align:center; display: block;\"><iframe loading=\"lazy\" class=\"youtube-player\" width=\"700\" height=\"394\" src=\"https:\/\/www.youtube.com\/embed\/nF0-2_Oe-aY?version=3&#038;rel=1&#038;showsearch=0&#038;showinfo=1&#038;iv_load_policy=1&#038;fs=1&#038;hl=fr-FR&#038;autohide=2&#038;start=44&#038;wmode=transparent\" allowfullscreen=\"true\" style=\"border:0;\" sandbox=\"allow-scripts allow-same-origin allow-popups allow-presentation allow-popups-to-escape-sandbox\"><\/iframe><\/span><\/div>\n<div class=\"jetpack-video-wrapper\"><span class=\"embed-youtube\" style=\"text-align:center; display: block;\"><iframe loading=\"lazy\" class=\"youtube-player\" width=\"700\" height=\"394\" src=\"https:\/\/www.youtube.com\/embed\/mgDpl5Qunh4?version=3&#038;rel=1&#038;showsearch=0&#038;showinfo=1&#038;iv_load_policy=1&#038;fs=1&#038;hl=fr-FR&#038;autohide=2&#038;wmode=transparent\" allowfullscreen=\"true\" style=\"border:0;\" sandbox=\"allow-scripts allow-same-origin allow-popups allow-presentation allow-popups-to-escape-sandbox\"><\/iframe><\/span><\/div>\n<div class=\"jetpack-video-wrapper\"><span class=\"embed-youtube\" style=\"text-align:center; display: block;\"><iframe loading=\"lazy\" class=\"youtube-player\" width=\"700\" height=\"394\" src=\"https:\/\/www.youtube.com\/embed\/Ai0IUSeN1WY?version=3&#038;rel=1&#038;showsearch=0&#038;showinfo=1&#038;iv_load_policy=1&#038;fs=1&#038;hl=fr-FR&#038;autohide=2&#038;wmode=transparent\" allowfullscreen=\"true\" style=\"border:0;\" sandbox=\"allow-scripts allow-same-origin allow-popups allow-presentation allow-popups-to-escape-sandbox\"><\/iframe><\/span><\/div>\n<p><strong>\u00a0<\/strong><\/p>\n<p><strong>Ita Yachts Canada propose de vous assister et de voir \u00e0 vos int\u00e9r\u00eats pour l\u2019achat de ce yacht qui est \u00e0 vendre par une autre organisation. Nous serons pr\u00e9sents lors de l\u2019inspection et tout au long de la transaction et ce peu importe sa localisation. L\u2019\u00e9quipe d\u2019Ita Yachts Canada se soumet au plus haut standard d\u2019\u00e9thique.<\/strong><\/p>\n<p>&nbsp;<\/p>\n<div class=\"content-box\">\n<div class=\"content-header\">\u00c9quipement suppl\u00e9mentaire<br \/>\n&#8211; Garage<br \/>\n&#8211; Commande par joystick<br \/>\n&#8211; Eclairage sous-marin<\/div>\n<div class=\"content-header\"><\/div>\n<div class=\"content-header\">Housses<br \/>\n&#8211; Bimini Top<br \/>\n&#8211; Taud de cockpit<br \/>\n&#8211; Hard Top<\/div>\n<div class=\"content-header\"><\/div>\n<div class=\"content-header\">Equipement \u00e9lectrique<br \/>\n&#8211; G\u00e9n\u00e9rateur : Onnan 11 kw<br \/>\n&#8211; Inverseur<br \/>\n&#8211; Prise de courant de quai<\/div>\n<div class=\"content-header\"><\/div>\n<div class=\"content-header\">\u00c9lectronique<br \/>\n&#8211; AIS<br \/>\n&#8211; Haut-parleurs de cockpit<br \/>\n&#8211; Compas<br \/>\n&#8211; Sondeur<br \/>\n&#8211; Journal de bord-sp\u00e9rom\u00e8tre<br \/>\n&#8211; Traceur : Garmin<br \/>\n&#8211; Radar : Garmin<br \/>\n&#8211; R\u00e9p\u00e9titeur(s)<br \/>\n&#8211; VHF : Garmin<br \/>\n&#8211; Wi-Fi : Garmin<\/div>\n<div class=\"content-header\"><\/div>\n<div class=\"content-header\">\u00c9quipement int\u00e9rieur<br \/>\n&#8211; Climatisation<br \/>\n&#8211; Chargeur de batterie<br \/>\n&#8211; Propulseur d&rsquo;\u00e9trave<br \/>\n&#8211; Lave-vaisselle<br \/>\n&#8211; Pompe de cale \u00e9lectrique<br \/>\n&#8211; Pompe de cale \u00e9lectrique<br \/>\n&#8211; Chauffage<br \/>\n&#8211; Eau chaude<br \/>\n&#8211; Four \u00e0 micro-ondes<br \/>\n&#8211; Four<br \/>\n&#8211; R\u00e9frig\u00e9rateur<br \/>\n&#8211; Sentinelle<br \/>\n&#8211; Machine \u00e0 laver<\/div>\n<div class=\"content-header\"><\/div>\n<div class=\"content-header\">\u00c9quipement ext\u00e9rieur\/extras<br \/>\n&#8211; Coussins de cockpit<br \/>\n&#8211; Douche de cockpit<br \/>\n&#8211; Table de cockpit<br \/>\n&#8211; Plate-forme de bain hydraulique<br \/>\n&#8211; Passerelle hydraulique<br \/>\n&#8211; R\u00e9flecteur de radar<br \/>\n&#8211; Echelle de bain<br \/>\n&#8211; Cockpit en teck<br \/>\n&#8211; Ponts lat\u00e9raux en teck<\/div>\n<\/div>\n<div class=\"content-box\">\n<div class=\"column-container cols-3\">\n<div class=\"column\">\n<div class=\"column-item\">\n<div>\n<p><strong>\u00a0<\/strong><\/p>\n<p>&nbsp;<\/p>\n<p><strong><span style=\"color: black;\">AVIS DE NON-RESPONSABILIT\u00c9<\/span><\/strong><\/p>\n<p><strong><span style=\"color: black; font-weight: normal;\">Le bateau qui est pr\u00e9sent\u00e9 sur cette page, l\u2019est uniquement \u00e0 titre d&rsquo;information et n&rsquo;est pas n\u00e9cessairement toujours disponible \u00e0 la vente et\/ou \u00e0 la location.<\/span><\/strong><span class=\"apple-converted-space\"><b><span style=\"color: black;\">\u00a0<\/span><\/b><\/span><strong><span style=\"color: black; font-weight: normal;\">Ce bateau est peut-\u00eatre offert sous r\u00e9serve, il faut v\u00e9rifier sa disponibilit\u00e9.<\/span><\/strong><span class=\"apple-converted-space\"><b><span style=\"color: black;\">\u00a0<\/span><\/b><\/span><strong><span style=\"color: black; font-weight: normal;\">\u00a0Ce document ou cette annonce n&rsquo;est pas contractuel. Les informations sur les bateaux affich\u00e9es dans les r\u00e9sultats ci-dessus sont pr\u00e9sent\u00e9es en toute bonne foi et, bien qu&rsquo;elles soient consid\u00e9r\u00e9es comme correctes, elles ne sont pas garanties. Ita Yachts Canada ne garantit pas et n&rsquo;assume aucune responsabilit\u00e9 l\u00e9gale ou responsabilit\u00e9 pour l&rsquo;exactitude, l&rsquo;exhaustivit\u00e9 ou l&rsquo;utilit\u00e9 des informations et\/ou des images affich\u00e9es, car elles peuvent ne pas \u00eatre \u00e0 jour ou encore \u00eatres des images d&rsquo;un bateau comparable. Toutes les informations sur les bateaux peuvent \u00eatre modifi\u00e9es sans pr\u00e9avis et sont sans garantie.<\/span><\/strong><span class=\"apple-converted-space\"><b><span style=\"color: black;\">\u00a0<\/span><\/b><\/span><strong><span style=\"color: black; font-weight: normal;\">Ce bateau est peut-\u00eatre offert par un autre courtier ouvert au co-courtage (co-brokerage).<\/span><\/strong><\/p>\n<p>&nbsp;<\/p>\n<p>&nbsp;<\/p>\n<div data-test='contact-form'\n\t\t\tid='contact-form-182225'\n\t\t\tclass='jetpack-contact-form-container '\n\t\t\tdata-wp-interactive='jetpack\/form' data-wp-context='{\"formId\":\"182225\",\"formHash\":\"d21e262663348cb4bf52f79e94c74deadca82f7a\",\"showErrors\":false,\"errors\":[],\"fields\":[],\"isMultiStep\":false,\"useAjax\":false,\"submissionData\":null,\"formattedSubmissionData\":[],\"submissionSuccess\":false,\"submissionError\":null,\"elementId\":\"jp-form-d21e262663348cb4bf52f79e94c74deadca82f7a\",\"isSingleInputForm\":false,\"isForcedHorizontal\":false}'\n\t\t\tdata-wp-watch--scroll-to-wrapper=\"callbacks.scrollToWrapper\"\n\t\t>\n<div class=\"contact-form-submission contact-form-ajax-submission\" data-wp-bind--aria-hidden=\"state.isSuccessMessageAriaHidden\" data-wp-class--submission-success=\"context.submissionSuccess\" id=\"contact-form-success-d21e262663348cb4bf52f79e94c74deadca82f7a\" tabindex=\"-1\" aria-labelledby=\"contact-form-success-header-d21e262663348cb4bf52f79e94c74deadca82f7a\"><p class=\"go-back-message\"><a class=\"link\" role=\"button\" tabindex=\"0\" data-wp-on--click=\"actions.goBack\" href=\"\/fr\/wp-json\/wp\/v2\/listing\/182225\">\u2190 Retour<\/a><\/p><h4 data-wp-bind--aria-hidden=\"state.isSuccessMessageAriaHidden\" id=\"contact-form-success-header-d21e262663348cb4bf52f79e94c74deadca82f7a\">Merci pour votre r\u00e9ponse. \u2728<\/h4>\n\n<template data-wp-each--submission=\"context.formattedSubmissionData\">\n\t\t\t\t\t<div class=\"jetpack_forms_contact-form-success-summary\">\n\t\t\t\t\t\t<div class=\"field-name-wrapper\">\n\t\t\t\t\t\t\t<div class=\"field-type-icon\" data-wp-watch=\"callbacks.watchFieldTypeIcon\"><\/div>\n\t\t\t\t\t\t\t<div class=\"field-name\" data-wp-text=\"context.submission.label\" data-wp-bind--hidden=\"!context.submission.label\"><\/div>\n\t\t\t\t\t\t<\/div>\n\t\t\t\t\t\t<div class=\"field-value\" data-wp-text=\"context.submission.value\" data-wp-bind--hidden=\"!context.submission.showPlainValue\"><\/div>\n\t\t\t\t\t\t<a class=\"field-url\" data-wp-bind--href=\"context.submission.url\" data-wp-text=\"context.submission.value\" data-wp-bind--hidden=\"!context.submission.url\" target=\"_blank\" rel=\"noopener noreferrer\"><\/a>\n\t\t\t\t\t\t<div class=\"field-rating\" data-wp-bind--hidden=\"!context.submission.rating\" data-wp-watch=\"callbacks.watchRatingIcons\"><\/div>\n\t\t\t\t\t\t<div class=\"field-images\" data-wp-bind--hidden=\"!context.submission.images\">\n\t\t\t\t\t\t\t<template data-wp-each--image=\"context.submission.images\">\n\t\t\t\t\t\t\t\t<div class=\"field-image-option\" data-wp-class--is-empty=\"!context.image.src\">\n\t\t\t\t\t\t\t\t\t<figure class=\"field-image-option__image\" data-wp-class--is-empty=\"!context.image.src\">\n\t\t\t\t\t\t\t\t\t\t<img data-wp-bind--src=\"context.image.src\" data-wp-bind--hidden=\"!context.image.src\" \/>\n\t\t\t\t\t\t\t\t\t\t<img decoding=\"async\" src=\"data:image\/gif;base64,R0lGODlhAQABAAD\/ACwAAAAAAQABAAACADs=\" data-wp-bind--hidden=\"context.image.src\" \/>\n\t\t\t\t\t\t\t\t\t<\/figure>\n\t\t\t\t\t\t\t\t\t<div class=\"field-image-option__label-wrapper\">\n\t\t\t\t\t\t\t\t\t\t<span class=\"field-image-option__label-code\" data-wp-text=\"context.image.letterCode\"><\/span>\n\t\t\t\t\t\t\t\t\t\t<span class=\"field-image-option__label\" data-wp-text=\"context.image.label\" data-wp-bind--hidden=\"!context.image.label\"><\/span>\n\t\t\t\t\t\t\t\t\t<\/div>\n\t\t\t\t\t\t\t\t<\/div>\n\t\t\t\t\t\t\t<\/template>\n\t\t\t\t\t\t<\/div>\n\t\t\t\t\t\t<div class=\"field-files\" data-wp-bind--hidden=\"!context.submission.files\">\n\t\t\t\t\t\t\t<template data-wp-each--file=\"context.submission.files\">\n\t\t\t\t\t\t\t\t<div class=\"field-file\">\n\t\t\t\t\t\t\t\t\t<div class=\"field-file__thumbnail\" data-wp-style--background-image=\"context.file.previewUrl\" data-wp-style--mask-image=\"context.file.iconUrl\" data-wp-bind--hidden=\"!context.file.hasPreview\"><\/div>\n\t\t\t\t\t\t\t\t\t<svg class=\"field-file__icon\" data-wp-bind--hidden=\"context.file.hasPreview\" width=\"20\" height=\"20\" viewBox=\"0 0 24 24\" fill=\"none\" xmlns=\"http:\/\/www.w3.org\/2000\/svg\" aria-hidden=\"true\">\n\t\t\t\t\t\t\t\t\t\t<path d=\"M14 2H6C4.9 2 4 2.9 4 4V20C4 21.1 4.89 22 5.99 22H18C19.1 22 20 21.1 20 20V8L14 2ZM18 20H6V4H13V9H18V20Z\" fill=\"currentColor\"\/>\n\t\t\t\t\t\t\t\t\t<\/svg>\n\t\t\t\t\t\t\t\t\t<span class=\"field-file__name\" data-wp-text=\"context.file.name\"><\/span>\n\t\t\t\t\t\t\t\t\t<span class=\"field-file__size\" data-wp-text=\"context.file.size\"><\/span>\n\t\t\t\t\t\t\t\t<\/div>\n\t\t\t\t\t\t\t<\/template>\n\t\t\t\t\t\t<\/div>\n\t\t\t\t\t<\/div>\n\t\t\t\t<\/template><\/div><form action='https:\/\/itayachtscanada.com\/fr\/listing\/prestige-m48-2024-e1567000-euros-for-sale\/'\n\t\t\t\tid='jp-form-d21e262663348cb4bf52f79e94c74deadca82f7a'\n\t\t\t\tmethod='post'\n\t\t\t\tclass='contact-form commentsblock jetpack-contact-form__form has-no-jetpack-form-layout' aria-label=\"{:en}Prestige M48 2024 \u20ac1,567,000 euros for sale{:}{:fr}Prestige M48 2024 \u20ac1,567,000 euros \u00e0 vendre{:}\"\n\t\t\t\tdata-wp-on--submit=\"actions.onFormSubmit\"\n\t\t\t\tdata-wp-on--reset=\"actions.onFormReset\"\n\t\t\t\tdata-wp-class--submission-success=\"context.submissionSuccess\"\n\t\t\t\tdata-wp-class--is-first-step=\"state.isFirstStep\"\n\t\t\t\tdata-wp-class--is-last-step=\"state.isLastStep\"\n\t\t\t\tdata-wp-class--is-ajax-form=\"context.useAjax\"\n\t\t\t\tnovalidate >\n<input type='hidden' name='jetpack_contact_form_jwt' value='eyJ0eXAiOiJKV1QiLCJhbGciOiJIUzI1NiJ9.eyJlbmNyeXB0ZWRfYXR0cmlidXRlcyI6IldobS9iMFdhMU1wcmxjbUlkZDVVdTQ0NjZuaGpzQllab2lWeGRYNmVOcDdCd1JXc3ZKV3dMdUNpSjJVNTdrUjllcmEzVG50djluVDVQbUVYaldwNThsNUJRMDRmM0cyK1ptS05DaVhqeVp5ZDl0NGJ1RW1mdFZkZFE3K0tDZUxsMEhCWXZLOEo4VXl2TnphaHplOWlzcm1hV2txSXpLTm1ubzBJemFCVnA2ZmNQWUpwcERUSE1haDNuOU9PQVorYVg5UGloL3Y5SkpSU0JsY3pQUTJucWVLWWp2ZEE5UE0wcndBMS9Pc2VjdE5BUGZXcXpvRXdhNVo1VW00ZXVZbU9DMjlaRStGZnZETTN4d042eW1vS2tDeXFwMThZM1pCMW95amVEVHEyRy9VaFVkUkRmeEg0aUdzYWRlVVM1UklIbUR3Ti9OTFdDU2dLODc5STgvWmU4dGIzSzd4b1BSKy82bm4zcjJLOWxyNjdPRllqL1MxMkN1enZTM3RLRVBQai9kdkRqMWZRWjNoVmdvUEtLQkU3dTB1L1hzbnJoVE9NR3E5MFBaWmlOQUVJVWtsY2RxN25OVVVPU0xnTzFVenZrQnkveXNDSDNkY0NnaC9kRmZrWm5ySnZ1Y0JjOFpvazdJMVlCTnNPT2cvcm5lazYzVmNLeFNlM0UvaTlPa3B6bjFKU09sc0xyR1lZbkhGMCtlOERRcG5ORkYxck9HdlFER0lhcitQZ3hCbklOQndDMmZyYlhkOWM1ZzV5QnNOTXg4V3BKUzNJeG4vU3hVZzJ6Y3hhemF4Z0tUOUNoZzA3VGxUb1NMOTlmVGgvWjBQaEJBTWVnakVvNUxLNUlHWk14YWZJNXpJdW9aOENoTTVnSzBaeVZOUzJsNml4aVo4ZUNPbThOeE1acXBtOTZ0bWZlNGtsbC9jOUFvWTB4V0ppdzEwMEc0eU5tYTFWTkY0MUtDQythY3M0ZWlsUEZQYTBZRGgrdGhNZVN2ckdHRTV0blRiT1ZycVJKYWtBcmdrejAvSWdpOWNXNS9NODkwOUtBckp3Z094dVpQaDJRK3liSERuT1FuSGh4NnpTSjBkTk1CbFlOU3dVMnhxVTJUZWNURTJjUFp0U2Z1ZVFOZmEyQy9JclMxbGFhUlIwdytTMUdYcTI4bWhzY3FzNXdZVStxNWluVUJoeG5qV0tSY1dRQWNyWUNPT0V3WFdCZVRvZTVOUVJiOXBibVoxeGpCUjBzNWZRWUlYcnpEMWJpRjZ6WjJ1MHRYYW5Ndz09IiwiY29udGVudCI6Iltjb250YWN0LWZpZWxkIGxhYmVsPVwiTm9tOlwiIHR5cGU9XCJuYW1lXCIgcmVxdWlyZWQ9XCIxXCJdW2NvbnRhY3QtZmllbGQgbGFiZWw9XCJFLW1haWxcIiB0eXBlPVwiZW1haWxcIiByZXF1aXJlZD1cIjFcIl1bY29udGFjdC1maWVsZCBsYWJlbD1cIkF1IHN1amV0IGRlIGNlIGNhdGFtYXJhbiA6IFwiIHR5cGU9XCJ0ZXh0XCJdW2NvbnRhY3QtZmllbGQgbGFiZWw9XCJNZXNzYWdlXCIgdHlwZT1cInRleHRhcmVhXCJdIiwiaGFzaCI6ImQyMWUyNjI2NjMzNDhjYjRiZjUyZjc5ZTk0Yzc0ZGVhZGNhODJmN2EiLCJzb3VyY2UiOnsiZW50cnlfdGl0bGUiOiJQcmVzdGlnZSBNNDggMjAyNCBcdTIwYWMxLDU2NywwMDAgZXVyb3MgXHUwMGUwIHZlbmRyZSIsImVudHJ5X3BhZ2UiOjEsInNvdXJjZV9pZCI6MTgyMjI1LCJzb3VyY2VfdHlwZSI6InNpbmdsZSIsInJlcXVlc3RfdXJsIjoiaHR0cHM6Ly9pdGF5YWNodHNjYW5hZGEuY29tL2ZyL3dwLWpzb24vd3AvdjIvbGlzdGluZy8xODIyMjUifSwidmVyc2lvbiI6MiwiY2lwaGVyIjoiYWVzLTI1Ni1nY20ifQ.xeXn21lQOt1tBY2F2PBrvAorYYwqc2VHWBDATEYsFbo' \/>\n\n<div style=\"\"  data-wp-interactive=\"jetpack\/form\" data-wp-context='{\"fieldId\":\"g182225-nom\",\"fieldType\":\"name\",\"fieldLabel\":\"Nom:\",\"fieldValue\":\"\",\"fieldPlaceholder\":\"\",\"fieldIsRequired\":\"1\",\"fieldErrorMessage\":\"\",\"fieldExtra\":[],\"formHash\":\"d21e262663348cb4bf52f79e94c74deadca82f7a\"}'  class='grunion-field-name-wrap grunion-field-wrap'  data-wp-init='callbacks.initializeField' data-wp-on--jetpack-form-reset='callbacks.initializeField' >\n<label\n\t\t\t\tfor='g182225-nom' class=\"grunion-field-label name\" >Nom:<span class=\"grunion-label-required\" aria-hidden=\"true\">(obligatoire)<\/span><\/label>\n<input\n\t\t\t\t\ttype='text'\n\t\t\t\t\tname='g182225-nom'\n\t\t\t\t\tid='g182225-nom'\n\t\t\t\t\tvalue=''\n\n\t\t\t\t\tdata-wp-bind--aria-invalid='state.fieldAriaInvalid'\n\t\t\t\t\tdata-wp-bind--value='state.getFieldValue'\n\t\t\t\t\taria-describedby='g182225-nom-text-error-message'\n\t\t\t\t\tdata-wp-on--input='actions.onFieldChange'\n\t\t\t\t\tdata-wp-on--blur='actions.onFieldBlur'\n\t\t\t\t\tdata-wp-class--has-value='state.hasFieldValue'\n\n\t\t\t\t\tclass='name  grunion-field' \n\t\t\t\t\trequired='true' aria-required='true'  \/>\n \n\t\t\t<div id=\"g182225-nom-text-error\" class=\"contact-form__input-error\" data-wp-class--has-errors=\"state.fieldHasErrors\">\n\t\t\t\t<span class=\"contact-form__warning-icon\" aria-hidden=\"true\">\n\t\t\t\t\t<svg width=\"16\" height=\"16\" viewBox=\"0 0 16 16\" fill=\"none\" xmlns=\"http:\/\/www.w3.org\/2000\/svg\">\n\t\t\t\t\t\t<path d=\"M8.50015 11.6402H7.50015V10.6402H8.50015V11.6402Z\" \/>\n\t\t\t\t\t\t<path d=\"M7.50015 9.64018H8.50015V6.30684H7.50015V9.64018Z\" \/>\n\t\t\t\t\t\t<path fill-rule=\"evenodd\" clip-rule=\"evenodd\" d=\"M6.98331 3.0947C7.42933 2.30177 8.57096 2.30177 9.01698 3.09469L13.8771 11.7349C14.3145 12.5126 13.7525 13.4735 12.8602 13.4735H3.14004C2.24774 13.4735 1.68575 12.5126 2.12321 11.7349L6.98331 3.0947ZM8.14541 3.58496C8.08169 3.47168 7.9186 3.47168 7.85488 3.58496L2.99478 12.2251C2.93229 12.3362 3.01257 12.4735 3.14004 12.4735H12.8602C12.9877 12.4735 13.068 12.3362 13.0055 12.2251L8.14541 3.58496Z\" \/>\n\t\t\t\t\t<\/svg>\n\t\t\t\t<\/span>\n\t\t\t\t<span data-wp-text=\"state.errorMessage\" id=\"g182225-nom-text-error-message\"><\/span>\n\t\t\t<\/div> \n\t<\/div>\n\n<div style=\"\"  data-wp-interactive=\"jetpack\/form\" data-wp-context='{\"fieldId\":\"g182225-email\",\"fieldType\":\"email\",\"fieldLabel\":\"E-mail\",\"fieldValue\":\"\",\"fieldPlaceholder\":\"\",\"fieldIsRequired\":\"1\",\"fieldErrorMessage\":\"\",\"fieldExtra\":[],\"formHash\":\"d21e262663348cb4bf52f79e94c74deadca82f7a\"}'  class='grunion-field-email-wrap grunion-field-wrap'  data-wp-init='callbacks.initializeField' data-wp-on--jetpack-form-reset='callbacks.initializeField' >\n<label\n\t\t\t\tfor='g182225-email' class=\"grunion-field-label email\" >E-mail<span class=\"grunion-label-required\" aria-hidden=\"true\">(obligatoire)<\/span><\/label>\n<input\n\t\t\t\t\ttype='email'\n\t\t\t\t\tname='g182225-email'\n\t\t\t\t\tid='g182225-email'\n\t\t\t\t\tvalue=''\n\n\t\t\t\t\tdata-wp-bind--aria-invalid='state.fieldAriaInvalid'\n\t\t\t\t\tdata-wp-bind--value='state.getFieldValue'\n\t\t\t\t\taria-describedby='g182225-email-email-error-message'\n\t\t\t\t\tdata-wp-on--input='actions.onFieldChange'\n\t\t\t\t\tdata-wp-on--blur='actions.onFieldBlur'\n\t\t\t\t\tdata-wp-class--has-value='state.hasFieldValue'\n\n\t\t\t\t\tclass='email  grunion-field' \n\t\t\t\t\trequired='true' aria-required='true'  \/>\n \n\t\t\t<div id=\"g182225-email-email-error\" class=\"contact-form__input-error\" data-wp-class--has-errors=\"state.fieldHasErrors\">\n\t\t\t\t<span class=\"contact-form__warning-icon\" aria-hidden=\"true\">\n\t\t\t\t\t<svg width=\"16\" height=\"16\" viewBox=\"0 0 16 16\" fill=\"none\" xmlns=\"http:\/\/www.w3.org\/2000\/svg\">\n\t\t\t\t\t\t<path d=\"M8.50015 11.6402H7.50015V10.6402H8.50015V11.6402Z\" \/>\n\t\t\t\t\t\t<path d=\"M7.50015 9.64018H8.50015V6.30684H7.50015V9.64018Z\" \/>\n\t\t\t\t\t\t<path fill-rule=\"evenodd\" clip-rule=\"evenodd\" d=\"M6.98331 3.0947C7.42933 2.30177 8.57096 2.30177 9.01698 3.09469L13.8771 11.7349C14.3145 12.5126 13.7525 13.4735 12.8602 13.4735H3.14004C2.24774 13.4735 1.68575 12.5126 2.12321 11.7349L6.98331 3.0947ZM8.14541 3.58496C8.08169 3.47168 7.9186 3.47168 7.85488 3.58496L2.99478 12.2251C2.93229 12.3362 3.01257 12.4735 3.14004 12.4735H12.8602C12.9877 12.4735 13.068 12.3362 13.0055 12.2251L8.14541 3.58496Z\" \/>\n\t\t\t\t\t<\/svg>\n\t\t\t\t<\/span>\n\t\t\t\t<span data-wp-text=\"state.errorMessage\" id=\"g182225-email-email-error-message\"><\/span>\n\t\t\t<\/div> \n\t<\/div>\n\n<div style=\"\"  data-wp-interactive=\"jetpack\/form\" data-wp-context='{\"fieldId\":\"g182225-ausujetdececatamaran\",\"fieldType\":\"text\",\"fieldLabel\":\"Au sujet de ce catamaran : \",\"fieldValue\":\"\",\"fieldPlaceholder\":\"\",\"fieldIsRequired\":\"\",\"fieldErrorMessage\":\"\",\"fieldExtra\":[],\"formHash\":\"d21e262663348cb4bf52f79e94c74deadca82f7a\"}'  class='grunion-field-text-wrap grunion-field-wrap'  data-wp-init='callbacks.initializeField' data-wp-on--jetpack-form-reset='callbacks.initializeField' >\n<label\n\t\t\t\tfor='g182225-ausujetdececatamaran' class=\"grunion-field-label text\" >Au sujet de ce catamaran : <\/label>\n<input\n\t\t\t\t\ttype='text'\n\t\t\t\t\tname='g182225-ausujetdececatamaran'\n\t\t\t\t\tid='g182225-ausujetdececatamaran'\n\t\t\t\t\tvalue=''\n\n\t\t\t\t\tdata-wp-bind--aria-invalid='state.fieldAriaInvalid'\n\t\t\t\t\tdata-wp-bind--value='state.getFieldValue'\n\t\t\t\t\taria-describedby='g182225-ausujetdececatamaran-text-error-message'\n\t\t\t\t\tdata-wp-on--input='actions.onFieldChange'\n\t\t\t\t\tdata-wp-on--blur='actions.onFieldBlur'\n\t\t\t\t\tdata-wp-class--has-value='state.hasFieldValue'\n\n\t\t\t\t\tclass='text  grunion-field' \n\t\t\t\t\t \/>\n \n\t\t\t<div id=\"g182225-ausujetdececatamaran-text-error\" class=\"contact-form__input-error\" data-wp-class--has-errors=\"state.fieldHasErrors\">\n\t\t\t\t<span class=\"contact-form__warning-icon\" aria-hidden=\"true\">\n\t\t\t\t\t<svg width=\"16\" height=\"16\" viewBox=\"0 0 16 16\" fill=\"none\" xmlns=\"http:\/\/www.w3.org\/2000\/svg\">\n\t\t\t\t\t\t<path d=\"M8.50015 11.6402H7.50015V10.6402H8.50015V11.6402Z\" \/>\n\t\t\t\t\t\t<path d=\"M7.50015 9.64018H8.50015V6.30684H7.50015V9.64018Z\" \/>\n\t\t\t\t\t\t<path fill-rule=\"evenodd\" clip-rule=\"evenodd\" d=\"M6.98331 3.0947C7.42933 2.30177 8.57096 2.30177 9.01698 3.09469L13.8771 11.7349C14.3145 12.5126 13.7525 13.4735 12.8602 13.4735H3.14004C2.24774 13.4735 1.68575 12.5126 2.12321 11.7349L6.98331 3.0947ZM8.14541 3.58496C8.08169 3.47168 7.9186 3.47168 7.85488 3.58496L2.99478 12.2251C2.93229 12.3362 3.01257 12.4735 3.14004 12.4735H12.8602C12.9877 12.4735 13.068 12.3362 13.0055 12.2251L8.14541 3.58496Z\" \/>\n\t\t\t\t\t<\/svg>\n\t\t\t\t<\/span>\n\t\t\t\t<span data-wp-text=\"state.errorMessage\" id=\"g182225-ausujetdececatamaran-text-error-message\"><\/span>\n\t\t\t<\/div> \n\t<\/div>\n\n<div style=\"\"  data-wp-interactive=\"jetpack\/form\" data-wp-context='{\"fieldId\":\"g182225-message\",\"fieldType\":\"textarea\",\"fieldLabel\":\"Message\",\"fieldValue\":\"\",\"fieldPlaceholder\":\"\",\"fieldIsRequired\":\"\",\"fieldErrorMessage\":\"\",\"fieldExtra\":[],\"formHash\":\"d21e262663348cb4bf52f79e94c74deadca82f7a\"}'  class='grunion-field-textarea-wrap grunion-field-wrap'  data-wp-init='callbacks.initializeField' data-wp-on--jetpack-form-reset='callbacks.initializeField' >\n<label\n\t\t\t\tfor='contact-form-comment-g182225-message' class=\"grunion-field-label textarea\" >Message<\/label>\n<textarea\n\t\t                style=''\n\t\t                name='g182225-message'\n\t\t                id='contact-form-comment-g182225-message'\n\t\t                rows='20'\n\t\t\t\t\t\tdata-wp-text='state.getFieldValue'\n\t\t\t\t\t\tdata-wp-on--input='actions.onFieldChange'\n\t\t\t\t\t\tdata-wp-on--blur='actions.onFieldBlur'\n\t\t\t\t\t\tdata-wp-class--has-value='state.hasFieldValue'\n\t\t\t\t\t\taria-describedby='g182225-message-textarea-error-message'\n\t\t\t\t\t\tdata-wp-bind--aria-invalid='state.fieldAriaInvalid'\n\t\t\t\t\t\tclass='textarea  grunion-field'  ><\/textarea>\n \n\t\t\t<div id=\"g182225-message-textarea-error\" class=\"contact-form__input-error\" data-wp-class--has-errors=\"state.fieldHasErrors\">\n\t\t\t\t<span class=\"contact-form__warning-icon\" aria-hidden=\"true\">\n\t\t\t\t\t<svg width=\"16\" height=\"16\" viewBox=\"0 0 16 16\" fill=\"none\" xmlns=\"http:\/\/www.w3.org\/2000\/svg\">\n\t\t\t\t\t\t<path d=\"M8.50015 11.6402H7.50015V10.6402H8.50015V11.6402Z\" \/>\n\t\t\t\t\t\t<path d=\"M7.50015 9.64018H8.50015V6.30684H7.50015V9.64018Z\" \/>\n\t\t\t\t\t\t<path fill-rule=\"evenodd\" clip-rule=\"evenodd\" d=\"M6.98331 3.0947C7.42933 2.30177 8.57096 2.30177 9.01698 3.09469L13.8771 11.7349C14.3145 12.5126 13.7525 13.4735 12.8602 13.4735H3.14004C2.24774 13.4735 1.68575 12.5126 2.12321 11.7349L6.98331 3.0947ZM8.14541 3.58496C8.08169 3.47168 7.9186 3.47168 7.85488 3.58496L2.99478 12.2251C2.93229 12.3362 3.01257 12.4735 3.14004 12.4735H12.8602C12.9877 12.4735 13.068 12.3362 13.0055 12.2251L8.14541 3.58496Z\" \/>\n\t\t\t\t\t<\/svg>\n\t\t\t\t<\/span>\n\t\t\t\t<span data-wp-text=\"state.errorMessage\" id=\"g182225-message-textarea-error-message\"><\/span>\n\t\t\t<\/div>\n\t<\/div>\n\t<p class='contact-submit'>\n<div class=\"contact-form__error\" data-wp-class--show-errors=\"state.showFormErrors\"><span class=\"contact-form__warning-icon\" aria-hidden=\"true\"><i><\/i><\/span><span class=\"contact-form__error-message\" tabindex=\"-1\" data-wp-watch=\"callbacks.focusOnValidationError\" data-wp-text=\"state.getFormErrorMessage\"><\/span><ul aria-label=\"Erreurs de formulaire\">\n\t\t\t\t<template data-wp-each=\"state.getErrorList\" data-wp-key=\"context.item.id\">\n\t\t\t\t\t<li><a data-wp-bind--href=\"context.item.anchor\" data-wp-on--click=\"actions.scrollIntoView\" data-wp-text=\"context.item.label\"><\/a><\/li>\n\t\t\t\t<\/template>\n\t\t\t\t<\/ul><\/div><div class=\"contact-form__error\" data-wp-class--show-errors=\"state.showSubmissionError\" data-wp-text=\"context.submissionError\" tabindex=\"-1\" data-wp-watch=\"callbacks.focusOnSubmissionError\"><\/div>\t\t<button type='submit' class='pushbutton-wide'>Envoyer<\/button>\t\t<input type='hidden' name='contact-form-id' value='182225' \/>\n\t\t<input type='hidden' name='action' value='grunion-contact-form' \/>\n\t\t<input type='hidden' name='contact-form-hash' value='d21e262663348cb4bf52f79e94c74deadca82f7a' \/>\n\t<\/p>\n<p style=\"display: none !important;\" class=\"akismet-fields-container\" data-prefix=\"ak_\"><label>&#916;<textarea name=\"ak_hp_textarea\" cols=\"45\" rows=\"8\" maxlength=\"100\"><\/textarea><\/label><input type=\"hidden\" id=\"ak_js_1\" name=\"ak_js\" value=\"80\"\/><script type=\"text\/javascript\">\n\/* <![CDATA[ *\/\ndocument.getElementById( \"ak_js_1\" ).setAttribute( \"value\", ( new Date() ).getTime() );\n\/* ]]> *\/\n<\/script>\n<\/p><\/form>\n<\/div>\n<p>&nbsp;<\/p>\n<p>&nbsp;<\/p>\n<\/div>\n<\/div>\n<\/div>\n<\/div>\n<\/div>\n<\/div>\n<\/div>\n<\/div>\n<\/div>\n<\/div>\n<\/div>\n<\/div>\n<\/div>\n<\/div>\n<\/div>\n","protected":false},"excerpt":{"rendered":"<p>Prestige M48 2024 \u20ac1,567,000 euros \u00e0 vendre Disponible \u00e0 la vente, TVA pay\u00e9e. Facile \u00e0 manipuler gr\u00e2ce au joystick Volvo Penta (3 stations). Design moderne qui restera \u00e9l\u00e9gant pendant des ann\u00e9es. L&rsquo;excellente tenue en mer et la stabilit\u00e9 permettent une grande \u00e9conomie de carburant en mode croisi\u00e8re &#8211; 9 litres\/heure\/moteur \u00e0 9 n\u0153uds. \u00c9quip\u00e9 d&rsquo;un &hellip; <a href=\"https:\/\/itayachtscanada.com\/fr\/listing\/prestige-m48-2024-e1567000-euros-for-sale\/\" class=\"more-link\">Lire la suite <span class=\"screen-reader-text\">Prestige M48 2024 \u20ac1,567,000 euros \u00e0 vendre<\/span> <span class=\"meta-nav\">&rarr;<\/span><\/a><\/p>\n","protected":false},"author":119081455,"featured_media":182231,"parent":0,"menu_order":0,"comment_status":"open","ping_status":"open","template":"","format":"standard","meta":{"_coblocks_attr":"","_coblocks_dimensions":"","_coblocks_responsive_height":"","_coblocks_accordion_ie_support":"","_lmt_disableupdate":"no","_lmt_disable":"no","advanced_seo_description":"","jetpack_seo_html_title":"","jetpack_seo_noindex":false,"footnotes":""},"manufacturer":[6430],"prix":[11252],"years":[7656],"length_feet":[6586],"boat_type":[6483],"price_range":[6580],"localisations":[],"numyacht":[11150,9855],"datevente":[10440,10572,10688,10961,11149,11251],"country":[10835],"states":[],"city":[10962],"fresh-water-boat":[10809],"broker":[],"migration":[10888],"class_list":["post-182225","listing","type-listing","status-publish","format-standard","has-post-thumbnail","hentry","manufacturer-prestige-yachts","prix-11252","years-7656","length_feet-under-49-feets","boat_type-catamaran-moteur","price_range-1500000-2999999","numyacht-11150","numyacht-9855","datevente-2025-06-13","datevente-2025-08-09","datevente-2025-10-05","datevente-2025-12-01","datevente-2026-01-30","datevente-2026-03-29","country-croatie","city-rogoznica","fresh-water-boat-non","migration-non"],"translation":{"provider":"WPGlobus","version":"2.12.2","language":"fr","enabled_languages":["en","fr"],"languages":{"en":{"title":true,"content":true,"excerpt":false},"fr":{"title":true,"content":true,"excerpt":false}}},"jetpack_likes_enabled":true,"jetpack_sharing_enabled":true,"_links":{"self":[{"href":"https:\/\/itayachtscanada.com\/fr\/wp-json\/wp\/v2\/listing\/182225","targetHints":{"allow":["GET"]}}],"collection":[{"href":"https:\/\/itayachtscanada.com\/fr\/wp-json\/wp\/v2\/listing"}],"about":[{"href":"https:\/\/itayachtscanada.com\/fr\/wp-json\/wp\/v2\/types\/listing"}],"author":[{"embeddable":true,"href":"https:\/\/itayachtscanada.com\/fr\/wp-json\/wp\/v2\/users\/119081455"}],"replies":[{"embeddable":true,"href":"https:\/\/itayachtscanada.com\/fr\/wp-json\/wp\/v2\/comments?post=182225"}],"version-history":[{"count":17,"href":"https:\/\/itayachtscanada.com\/fr\/wp-json\/wp\/v2\/listing\/182225\/revisions"}],"predecessor-version":[{"id":298906,"href":"https:\/\/itayachtscanada.com\/fr\/wp-json\/wp\/v2\/listing\/182225\/revisions\/298906"}],"wp:featuredmedia":[{"embeddable":true,"href":"https:\/\/itayachtscanada.com\/fr\/wp-json\/wp\/v2\/media\/182231"}],"wp:attachment":[{"href":"https:\/\/itayachtscanada.com\/fr\/wp-json\/wp\/v2\/media?parent=182225"}],"wp:term":[{"taxonomy":"manufacturer","embeddable":true,"href":"https:\/\/itayachtscanada.com\/fr\/wp-json\/wp\/v2\/manufacturer?post=182225"},{"taxonomy":"prix","embeddable":true,"href":"https:\/\/itayachtscanada.com\/fr\/wp-json\/wp\/v2\/prix?post=182225"},{"taxonomy":"years","embeddable":true,"href":"https:\/\/itayachtscanada.com\/fr\/wp-json\/wp\/v2\/years?post=182225"},{"taxonomy":"length_feet","embeddable":true,"href":"https:\/\/itayachtscanada.com\/fr\/wp-json\/wp\/v2\/length_feet?post=182225"},{"taxonomy":"boat_type","embeddable":true,"href":"https:\/\/itayachtscanada.com\/fr\/wp-json\/wp\/v2\/boat_type?post=182225"},{"taxonomy":"price_range","embeddable":true,"href":"https:\/\/itayachtscanada.com\/fr\/wp-json\/wp\/v2\/price_range?post=182225"},{"taxonomy":"localisations","embeddable":true,"href":"https:\/\/itayachtscanada.com\/fr\/wp-json\/wp\/v2\/localisations?post=182225"},{"taxonomy":"numyacht","embeddable":true,"href":"https:\/\/itayachtscanada.com\/fr\/wp-json\/wp\/v2\/numyacht?post=182225"},{"taxonomy":"datevente","embeddable":true,"href":"https:\/\/itayachtscanada.com\/fr\/wp-json\/wp\/v2\/datevente?post=182225"},{"taxonomy":"country","embeddable":true,"href":"https:\/\/itayachtscanada.com\/fr\/wp-json\/wp\/v2\/country?post=182225"},{"taxonomy":"states","embeddable":true,"href":"https:\/\/itayachtscanada.com\/fr\/wp-json\/wp\/v2\/states?post=182225"},{"taxonomy":"city","embeddable":true,"href":"https:\/\/itayachtscanada.com\/fr\/wp-json\/wp\/v2\/city?post=182225"},{"taxonomy":"fresh-water-boat","embeddable":true,"href":"https:\/\/itayachtscanada.com\/fr\/wp-json\/wp\/v2\/fresh-water-boat?post=182225"},{"taxonomy":"broker","embeddable":true,"href":"https:\/\/itayachtscanada.com\/fr\/wp-json\/wp\/v2\/broker?post=182225"},{"taxonomy":"migration","embeddable":true,"href":"https:\/\/itayachtscanada.com\/fr\/wp-json\/wp\/v2\/migration?post=182225"}],"curies":[{"name":"wp","href":"https:\/\/api.w.org\/{rel}","templated":true}]}}