{"id":176391,"date":"2024-09-07T11:00:20","date_gmt":"2024-09-07T15:00:20","guid":{"rendered":"https:\/\/itayachtscanada.com\/?post_type=listing&#038;p=176391"},"modified":"2026-04-10T11:08:44","modified_gmt":"2026-04-10T15:08:44","slug":"sirena-68-2022-2950000-usd-for-sale","status":"publish","type":"listing","link":"https:\/\/itayachtscanada.com\/fr\/listing\/sirena-68-2022-2950000-usd-for-sale\/","title":{"rendered":"Sirena 68 2022 $2,500,000 usd \u00e0 vendre"},"content":{"rendered":"<p><strong>OFF MARKET (pr\u00e9sentement retir\u00e9 de la vente)<\/strong><\/p>\n<p><strong>Sirena 68 2022 $2,500,000 usd \u00e0 vendre<\/strong><\/p>\n<p>VESPER LYND est un exemple tr\u00e8s am\u00e9lior\u00e9 et tr\u00e8s aim\u00e9 du fabuleux 68&prime; de Sirena. Il s&rsquo;agit d&rsquo;un bateau \u00e0 propri\u00e9taire unique qui a toujours \u00e9t\u00e9 entretenu par le capitaine selon les normes les plus strictes.<\/p>\n<p>Le design de la coque du VESPER a \u00e9t\u00e9 con\u00e7u par Frers Architecture pour offrir une efficacit\u00e9 \u00e0 une large gamme de vitesses. De son mode d\u00e9placement ultra-efficace, qui lui permet de parcourir jusqu&rsquo;\u00e0 1200 milles nautiques, \u00e0 des vitesses de planing exaltantes pouvant atteindre 28 n\u0153uds, il ne d\u00e9\u00e7oit pas. Une coque glissante avec une tra\u00een\u00e9e d&rsquo;appendice minimale donne des r\u00e9sultats bien meilleurs que vous ne le pensez. \u00c0 16 n\u0153uds, il ne consomme que 34 gallons \u00e0 l&rsquo;heure.<\/p>\n<p>Avec une forme de coque plus avanc\u00e9e que les autres yachts de la cat\u00e9gorie, le volume int\u00e9rieur qui en r\u00e9sulte modifie l&rsquo;exp\u00e9rience \u00e0 bord pour les propri\u00e9taires et leurs invit\u00e9s. Il y a suffisamment d&rsquo;espace pour permettre des rassemblements de grands groupes dans tout le yacht. Le fly bridge, le pont arri\u00e8re, le salon principal et le pont avant se combinent pour offrir un v\u00e9ritable changement de perspective lorsque l&rsquo;on se d\u00e9place sur le bateau.<\/p>\n<p>Le design int\u00e9rieur du VESPER, r\u00e9alis\u00e9 par le studio de Car D. Rover, pr\u00e9sente un ensemble de d\u00e9corations \u00ab Serenity \u00bb dans ses luxueuses cabines. Avec de g\u00e9n\u00e9reux hublots de coque et de grandes fen\u00eatres, il est inond\u00e9 de lumi\u00e8re naturelle sur tous les ponts. Le design fait ses preuves sous tous les angles, \u00e0 l&rsquo;int\u00e9rieur comme \u00e0 l&rsquo;ext\u00e9rieur.<\/p>\n<p>Actuellement \u00e0 Stamford, Connecticut, VESPER LYND est disponible pour des visites imm\u00e9diates.<\/p>\n<h3>Ce Sirena 68 est situ\u00e9 en Floride, veuillez nous contacter au 514-521-1221 pour tous les d\u00e9tails concernant ce Sirena Yachts 68 Flybridge, notre bureau est situ\u00e9 en banlieue de Montr\u00e9al.<\/h3>\n<p><a href=\"https:\/\/itayachtscanada.com\/fr\/virtuals_visits\/sirena-68-flybridge\/\">Cliquez ici<\/a> pour une visite virtuelle du Sirena 68.<\/p>\n<p>Dimensions<br \/>\nLongueur hors tout : 70 pieds<br \/>\nLargeur : 19 pi 4 po<br \/>\nTirant d&rsquo;eau max : 4 pi 3 po<br \/>\nPoids<br \/>\nD\u00e9placement : 103617 lb<br \/>\nVitesse de croisi\u00e8re<br \/>\nVitesse de croisi\u00e8re : 16 n\u0153uds en tours\/minute<br \/>\nVitesse \u00e0 la coque : 26 kn \u00e0 tr\/min<br \/>\nRayon d&rsquo;action : 1200 nmi<br \/>\nR\u00e9servoirs<br \/>\nCarburant : (1387 gal)<br \/>\nEau douce : (370 gal)<br \/>\nR\u00e9serves : 2 (105 gal)<br \/>\nH\u00e9bergement<br \/>\nCabines invit\u00e9s : 4<br \/>\nCabines d&rsquo;\u00e9quipage : 1<br \/>\nToilettes invit\u00e9s : 3<br \/>\nChambre d&rsquo;\u00e9quipage : 1<br \/>\nAutre<br \/>\nGuindeau : Guindeau \u00e9lectrique<\/p>\n<p>&nbsp;<\/p>\n<p>MOTEURS (heures=1350) :<\/p>\n<p>2022 Volvo D 13 (Moteur 1)<br \/>\nType de moteur : Inboard<br \/>\nPuissance : 1000 hp<br \/>\nType d&rsquo;entra\u00eenement : V Drive<\/p>\n<p>2022 Volvo D13 (Moteur 2)<br \/>\nType de moteur : Inboard<br \/>\nType de carburant : Diesel<br \/>\nPuissance : 1000 hp<br \/>\nType d&rsquo;entra\u00eenement : Entra\u00eenement en V<\/p>\n<div class=\"html-content-description\">\n<div class=\"content-box\">\n<div class=\"column-container cols-3\">\n<div class=\"column\">\n<div class=\"column-item\">\n<div class=\"content-box\">\n<div class=\"column-container cols-3\">\n<div class=\"column\">\n<div class=\"column-item\">\n<div><\/div>\n<div>\n<div class=\"tiled-gallery type-rectangular tiled-gallery-unresized\" data-original-width=\"700\" data-carousel-extra='{&quot;blog_id&quot;:1,&quot;permalink&quot;:&quot;https:\\\/\\\/itayachtscanada.com\\\/fr\\\/listing\\\/sirena-68-2022-2950000-usd-for-sale\\\/&quot;,&quot;likes_blog_id&quot;:198557287}' itemscope itemtype=\"http:\/\/schema.org\/ImageGallery\" > <div class=\"gallery-row\" style=\"width: 700px; height: 313px;\" data-original-width=\"700\" data-original-height=\"313\" > <div class=\"gallery-group images-1\" style=\"width: 468px; height: 313px;\" data-original-width=\"468\" data-original-height=\"313\" > <div class=\"tiled-gallery-item tiled-gallery-item-large\" itemprop=\"associatedMedia\" itemscope itemtype=\"http:\/\/schema.org\/ImageObject\"> <a href=\"https:\/\/itayachtscanada.com\/fr\/listing\/sirena-68-2022-2950000-usd-for-sale\/capture-decran-le-2024-09-07-a-10-01-15\/\" border=\"0\" itemprop=\"url\"> <meta itemprop=\"width\" content=\"464\"> <meta itemprop=\"height\" content=\"309\"> <img decoding=\"async\" class=\"\" data-attachment-id=\"176426\" data-orig-file=\"https:\/\/itayachtscanada.com\/wp-content\/uploads\/2024\/09\/Capture-decran-le-2024-09-07-a-10.01.15.jpg\" data-orig-size=\"1566,1044\" data-comments-opened=\"1\" data-image-meta=\"{&quot;aperture&quot;:&quot;0&quot;,&quot;credit&quot;:&quot;&quot;,&quot;camera&quot;:&quot;&quot;,&quot;caption&quot;:&quot;&quot;,&quot;created_timestamp&quot;:&quot;0&quot;,&quot;copyright&quot;:&quot;&quot;,&quot;focal_length&quot;:&quot;0&quot;,&quot;iso&quot;:&quot;0&quot;,&quot;shutter_speed&quot;:&quot;0&quot;,&quot;title&quot;:&quot;&quot;,&quot;orientation&quot;:&quot;0&quot;}\" data-image-title=\"Capture d\u2019e\u0301cran, le 2024-09-07 a\u0300 10.01.15\" data-image-description=\"\" data-medium-file=\"https:\/\/i0.wp.com\/itayachtscanada.com\/wp-content\/uploads\/2024\/09\/Capture-decran-le-2024-09-07-a-10.01.15.jpg?fit=300%2C200&#038;ssl=1\" data-large-file=\"https:\/\/i0.wp.com\/itayachtscanada.com\/wp-content\/uploads\/2024\/09\/Capture-decran-le-2024-09-07-a-10.01.15.jpg?fit=700%2C467&#038;ssl=1\" src=\"https:\/\/i0.wp.com\/itayachtscanada.com\/wp-content\/uploads\/2024\/09\/Capture-decran-le-2024-09-07-a-10.01.15.jpg?w=464&#038;h=309&#038;ssl=1\" srcset=\"https:\/\/i0.wp.com\/itayachtscanada.com\/wp-content\/uploads\/2024\/09\/Capture-decran-le-2024-09-07-a-10.01.15.jpg?w=1566&amp;ssl=1 1566w, https:\/\/i0.wp.com\/itayachtscanada.com\/wp-content\/uploads\/2024\/09\/Capture-decran-le-2024-09-07-a-10.01.15.jpg?resize=300%2C200&amp;ssl=1 300w, https:\/\/i0.wp.com\/itayachtscanada.com\/wp-content\/uploads\/2024\/09\/Capture-decran-le-2024-09-07-a-10.01.15.jpg?resize=1024%2C683&amp;ssl=1 1024w, https:\/\/i0.wp.com\/itayachtscanada.com\/wp-content\/uploads\/2024\/09\/Capture-decran-le-2024-09-07-a-10.01.15.jpg?resize=768%2C512&amp;ssl=1 768w, https:\/\/i0.wp.com\/itayachtscanada.com\/wp-content\/uploads\/2024\/09\/Capture-decran-le-2024-09-07-a-10.01.15.jpg?resize=1536%2C1024&amp;ssl=1 1536w, https:\/\/i0.wp.com\/itayachtscanada.com\/wp-content\/uploads\/2024\/09\/Capture-decran-le-2024-09-07-a-10.01.15.jpg?resize=700%2C467&amp;ssl=1 700w, https:\/\/i0.wp.com\/itayachtscanada.com\/wp-content\/uploads\/2024\/09\/Capture-decran-le-2024-09-07-a-10.01.15.jpg?resize=900%2C600&amp;ssl=1 900w, https:\/\/i0.wp.com\/itayachtscanada.com\/wp-content\/uploads\/2024\/09\/Capture-decran-le-2024-09-07-a-10.01.15.jpg?resize=600%2C400&amp;ssl=1 600w, https:\/\/i0.wp.com\/itayachtscanada.com\/wp-content\/uploads\/2024\/09\/Capture-decran-le-2024-09-07-a-10.01.15.jpg?w=1400&amp;ssl=1 1400w\" width=\"464\" height=\"309\" loading=\"lazy\" data-original-width=\"464\" data-original-height=\"309\" itemprop=\"http:\/\/schema.org\/image\" title=\"Capture d\u2019e\u0301cran, le 2024-09-07 a\u0300 10.01.15\" alt=\"Capture d\u2019e\u0301cran, le 2024-09-07 a\u0300 10.01.15\" style=\"width: 464px; height: 309px;\" \/> <\/a> <\/div> <\/div> <!-- close group --> <div class=\"gallery-group images-2\" style=\"width: 232px; height: 313px;\" data-original-width=\"232\" data-original-height=\"313\" > <div class=\"tiled-gallery-item tiled-gallery-item-small\" itemprop=\"associatedMedia\" itemscope itemtype=\"http:\/\/schema.org\/ImageObject\"> <a href=\"https:\/\/itayachtscanada.com\/fr\/listing\/sirena-68-2022-2950000-usd-for-sale\/capture-decran-le-2024-09-07-a-10-01-40\/\" border=\"0\" itemprop=\"url\"> <meta itemprop=\"width\" content=\"228\"> <meta itemprop=\"height\" content=\"152\"> <img decoding=\"async\" class=\"\" data-attachment-id=\"176421\" data-orig-file=\"https:\/\/itayachtscanada.com\/wp-content\/uploads\/2024\/09\/Capture-decran-le-2024-09-07-a-10.01.40.jpg\" data-orig-size=\"1566,1044\" data-comments-opened=\"1\" data-image-meta=\"{&quot;aperture&quot;:&quot;0&quot;,&quot;credit&quot;:&quot;&quot;,&quot;camera&quot;:&quot;&quot;,&quot;caption&quot;:&quot;&quot;,&quot;created_timestamp&quot;:&quot;0&quot;,&quot;copyright&quot;:&quot;&quot;,&quot;focal_length&quot;:&quot;0&quot;,&quot;iso&quot;:&quot;0&quot;,&quot;shutter_speed&quot;:&quot;0&quot;,&quot;title&quot;:&quot;&quot;,&quot;orientation&quot;:&quot;0&quot;}\" data-image-title=\"Capture d\u2019e\u0301cran, le 2024-09-07 a\u0300 10.01.40\" data-image-description=\"\" data-medium-file=\"https:\/\/i0.wp.com\/itayachtscanada.com\/wp-content\/uploads\/2024\/09\/Capture-decran-le-2024-09-07-a-10.01.40.jpg?fit=300%2C200&#038;ssl=1\" data-large-file=\"https:\/\/i0.wp.com\/itayachtscanada.com\/wp-content\/uploads\/2024\/09\/Capture-decran-le-2024-09-07-a-10.01.40.jpg?fit=700%2C467&#038;ssl=1\" src=\"https:\/\/i0.wp.com\/itayachtscanada.com\/wp-content\/uploads\/2024\/09\/Capture-decran-le-2024-09-07-a-10.01.40.jpg?w=228&#038;h=152&#038;ssl=1\" srcset=\"https:\/\/i0.wp.com\/itayachtscanada.com\/wp-content\/uploads\/2024\/09\/Capture-decran-le-2024-09-07-a-10.01.40.jpg?w=1566&amp;ssl=1 1566w, https:\/\/i0.wp.com\/itayachtscanada.com\/wp-content\/uploads\/2024\/09\/Capture-decran-le-2024-09-07-a-10.01.40.jpg?resize=300%2C200&amp;ssl=1 300w, https:\/\/i0.wp.com\/itayachtscanada.com\/wp-content\/uploads\/2024\/09\/Capture-decran-le-2024-09-07-a-10.01.40.jpg?resize=1024%2C683&amp;ssl=1 1024w, https:\/\/i0.wp.com\/itayachtscanada.com\/wp-content\/uploads\/2024\/09\/Capture-decran-le-2024-09-07-a-10.01.40.jpg?resize=768%2C512&amp;ssl=1 768w, https:\/\/i0.wp.com\/itayachtscanada.com\/wp-content\/uploads\/2024\/09\/Capture-decran-le-2024-09-07-a-10.01.40.jpg?resize=1536%2C1024&amp;ssl=1 1536w, https:\/\/i0.wp.com\/itayachtscanada.com\/wp-content\/uploads\/2024\/09\/Capture-decran-le-2024-09-07-a-10.01.40.jpg?resize=700%2C467&amp;ssl=1 700w, https:\/\/i0.wp.com\/itayachtscanada.com\/wp-content\/uploads\/2024\/09\/Capture-decran-le-2024-09-07-a-10.01.40.jpg?resize=900%2C600&amp;ssl=1 900w, https:\/\/i0.wp.com\/itayachtscanada.com\/wp-content\/uploads\/2024\/09\/Capture-decran-le-2024-09-07-a-10.01.40.jpg?resize=600%2C400&amp;ssl=1 600w, https:\/\/i0.wp.com\/itayachtscanada.com\/wp-content\/uploads\/2024\/09\/Capture-decran-le-2024-09-07-a-10.01.40.jpg?w=1400&amp;ssl=1 1400w\" width=\"228\" height=\"152\" loading=\"lazy\" data-original-width=\"228\" data-original-height=\"152\" itemprop=\"http:\/\/schema.org\/image\" title=\"Capture d\u2019e\u0301cran, le 2024-09-07 a\u0300 10.01.40\" alt=\"Capture d\u2019e\u0301cran, le 2024-09-07 a\u0300 10.01.40\" style=\"width: 228px; height: 152px;\" \/> <\/a> <\/div> <div class=\"tiled-gallery-item tiled-gallery-item-small\" itemprop=\"associatedMedia\" itemscope itemtype=\"http:\/\/schema.org\/ImageObject\"> <a href=\"https:\/\/itayachtscanada.com\/fr\/listing\/sirena-68-2022-2950000-usd-for-sale\/capture-decran-le-2024-09-07-a-09-59-46\/\" border=\"0\" itemprop=\"url\"> <meta itemprop=\"width\" content=\"228\"> <meta itemprop=\"height\" content=\"153\"> <img decoding=\"async\" class=\"\" data-attachment-id=\"176441\" data-orig-file=\"https:\/\/itayachtscanada.com\/wp-content\/uploads\/2024\/09\/Capture-decran-le-2024-09-07-a-09.59.46.jpg\" data-orig-size=\"1562,1044\" data-comments-opened=\"1\" data-image-meta=\"{&quot;aperture&quot;:&quot;0&quot;,&quot;credit&quot;:&quot;&quot;,&quot;camera&quot;:&quot;&quot;,&quot;caption&quot;:&quot;&quot;,&quot;created_timestamp&quot;:&quot;0&quot;,&quot;copyright&quot;:&quot;&quot;,&quot;focal_length&quot;:&quot;0&quot;,&quot;iso&quot;:&quot;0&quot;,&quot;shutter_speed&quot;:&quot;0&quot;,&quot;title&quot;:&quot;&quot;,&quot;orientation&quot;:&quot;0&quot;}\" data-image-title=\"Capture d\u2019e\u0301cran, le 2024-09-07 a\u0300 09.59.46\" data-image-description=\"\" data-medium-file=\"https:\/\/i0.wp.com\/itayachtscanada.com\/wp-content\/uploads\/2024\/09\/Capture-decran-le-2024-09-07-a-09.59.46.jpg?fit=300%2C201&#038;ssl=1\" data-large-file=\"https:\/\/i0.wp.com\/itayachtscanada.com\/wp-content\/uploads\/2024\/09\/Capture-decran-le-2024-09-07-a-09.59.46.jpg?fit=700%2C468&#038;ssl=1\" src=\"https:\/\/i0.wp.com\/itayachtscanada.com\/wp-content\/uploads\/2024\/09\/Capture-decran-le-2024-09-07-a-09.59.46.jpg?w=228&#038;h=153&#038;ssl=1\" srcset=\"https:\/\/i0.wp.com\/itayachtscanada.com\/wp-content\/uploads\/2024\/09\/Capture-decran-le-2024-09-07-a-09.59.46.jpg?w=1562&amp;ssl=1 1562w, https:\/\/i0.wp.com\/itayachtscanada.com\/wp-content\/uploads\/2024\/09\/Capture-decran-le-2024-09-07-a-09.59.46.jpg?resize=300%2C201&amp;ssl=1 300w, https:\/\/i0.wp.com\/itayachtscanada.com\/wp-content\/uploads\/2024\/09\/Capture-decran-le-2024-09-07-a-09.59.46.jpg?resize=1024%2C684&amp;ssl=1 1024w, https:\/\/i0.wp.com\/itayachtscanada.com\/wp-content\/uploads\/2024\/09\/Capture-decran-le-2024-09-07-a-09.59.46.jpg?resize=768%2C513&amp;ssl=1 768w, https:\/\/i0.wp.com\/itayachtscanada.com\/wp-content\/uploads\/2024\/09\/Capture-decran-le-2024-09-07-a-09.59.46.jpg?resize=1536%2C1027&amp;ssl=1 1536w, https:\/\/i0.wp.com\/itayachtscanada.com\/wp-content\/uploads\/2024\/09\/Capture-decran-le-2024-09-07-a-09.59.46.jpg?resize=700%2C468&amp;ssl=1 700w, https:\/\/i0.wp.com\/itayachtscanada.com\/wp-content\/uploads\/2024\/09\/Capture-decran-le-2024-09-07-a-09.59.46.jpg?resize=900%2C600&amp;ssl=1 900w, https:\/\/i0.wp.com\/itayachtscanada.com\/wp-content\/uploads\/2024\/09\/Capture-decran-le-2024-09-07-a-09.59.46.jpg?resize=598%2C400&amp;ssl=1 598w, https:\/\/i0.wp.com\/itayachtscanada.com\/wp-content\/uploads\/2024\/09\/Capture-decran-le-2024-09-07-a-09.59.46.jpg?w=1400&amp;ssl=1 1400w\" width=\"228\" height=\"153\" loading=\"lazy\" data-original-width=\"228\" data-original-height=\"153\" itemprop=\"http:\/\/schema.org\/image\" title=\"Capture d\u2019e\u0301cran, le 2024-09-07 a\u0300 09.59.46\" alt=\"Capture d\u2019e\u0301cran, le 2024-09-07 a\u0300 09.59.46\" style=\"width: 228px; height: 153px;\" \/> <\/a> <\/div> <\/div> <!-- close group --> <\/div> <!-- close row --> <div class=\"gallery-row\" style=\"width: 700px; height: 157px;\" data-original-width=\"700\" data-original-height=\"157\" > <div class=\"gallery-group images-1\" style=\"width: 234px; height: 157px;\" data-original-width=\"234\" data-original-height=\"157\" > <div class=\"tiled-gallery-item tiled-gallery-item-small\" itemprop=\"associatedMedia\" itemscope itemtype=\"http:\/\/schema.org\/ImageObject\"> <a href=\"https:\/\/itayachtscanada.com\/fr\/listing\/sirena-68-2022-2950000-usd-for-sale\/capture-decran-le-2024-09-07-a-10-03-50\/\" border=\"0\" itemprop=\"url\"> <meta itemprop=\"width\" content=\"230\"> <meta itemprop=\"height\" content=\"153\"> <img decoding=\"async\" class=\"\" data-attachment-id=\"176397\" data-orig-file=\"https:\/\/itayachtscanada.com\/wp-content\/uploads\/2024\/09\/Capture-decran-le-2024-09-07-a-10.03.50.jpg\" data-orig-size=\"1562,1044\" data-comments-opened=\"1\" data-image-meta=\"{&quot;aperture&quot;:&quot;0&quot;,&quot;credit&quot;:&quot;&quot;,&quot;camera&quot;:&quot;&quot;,&quot;caption&quot;:&quot;&quot;,&quot;created_timestamp&quot;:&quot;0&quot;,&quot;copyright&quot;:&quot;&quot;,&quot;focal_length&quot;:&quot;0&quot;,&quot;iso&quot;:&quot;0&quot;,&quot;shutter_speed&quot;:&quot;0&quot;,&quot;title&quot;:&quot;&quot;,&quot;orientation&quot;:&quot;0&quot;}\" data-image-title=\"Capture d\u2019e\u0301cran, le 2024-09-07 a\u0300 10.03.50\" data-image-description=\"\" data-medium-file=\"https:\/\/i0.wp.com\/itayachtscanada.com\/wp-content\/uploads\/2024\/09\/Capture-decran-le-2024-09-07-a-10.03.50.jpg?fit=300%2C201&#038;ssl=1\" data-large-file=\"https:\/\/i0.wp.com\/itayachtscanada.com\/wp-content\/uploads\/2024\/09\/Capture-decran-le-2024-09-07-a-10.03.50.jpg?fit=700%2C468&#038;ssl=1\" src=\"https:\/\/i0.wp.com\/itayachtscanada.com\/wp-content\/uploads\/2024\/09\/Capture-decran-le-2024-09-07-a-10.03.50.jpg?w=230&#038;h=153&#038;ssl=1\" srcset=\"https:\/\/i0.wp.com\/itayachtscanada.com\/wp-content\/uploads\/2024\/09\/Capture-decran-le-2024-09-07-a-10.03.50.jpg?w=1562&amp;ssl=1 1562w, https:\/\/i0.wp.com\/itayachtscanada.com\/wp-content\/uploads\/2024\/09\/Capture-decran-le-2024-09-07-a-10.03.50.jpg?resize=300%2C201&amp;ssl=1 300w, https:\/\/i0.wp.com\/itayachtscanada.com\/wp-content\/uploads\/2024\/09\/Capture-decran-le-2024-09-07-a-10.03.50.jpg?resize=1024%2C684&amp;ssl=1 1024w, https:\/\/i0.wp.com\/itayachtscanada.com\/wp-content\/uploads\/2024\/09\/Capture-decran-le-2024-09-07-a-10.03.50.jpg?resize=768%2C513&amp;ssl=1 768w, https:\/\/i0.wp.com\/itayachtscanada.com\/wp-content\/uploads\/2024\/09\/Capture-decran-le-2024-09-07-a-10.03.50.jpg?resize=1536%2C1027&amp;ssl=1 1536w, https:\/\/i0.wp.com\/itayachtscanada.com\/wp-content\/uploads\/2024\/09\/Capture-decran-le-2024-09-07-a-10.03.50.jpg?resize=700%2C468&amp;ssl=1 700w, https:\/\/i0.wp.com\/itayachtscanada.com\/wp-content\/uploads\/2024\/09\/Capture-decran-le-2024-09-07-a-10.03.50.jpg?resize=900%2C600&amp;ssl=1 900w, https:\/\/i0.wp.com\/itayachtscanada.com\/wp-content\/uploads\/2024\/09\/Capture-decran-le-2024-09-07-a-10.03.50.jpg?resize=598%2C400&amp;ssl=1 598w, https:\/\/i0.wp.com\/itayachtscanada.com\/wp-content\/uploads\/2024\/09\/Capture-decran-le-2024-09-07-a-10.03.50.jpg?w=1400&amp;ssl=1 1400w\" width=\"230\" height=\"153\" loading=\"lazy\" data-original-width=\"230\" data-original-height=\"153\" itemprop=\"http:\/\/schema.org\/image\" title=\"Capture d\u2019e\u0301cran, le 2024-09-07 a\u0300 10.03.50\" alt=\"Capture d\u2019e\u0301cran, le 2024-09-07 a\u0300 10.03.50\" style=\"width: 230px; height: 153px;\" \/> <\/a> <\/div> <\/div> <!-- close group --> <div class=\"gallery-group images-1\" style=\"width: 233px; height: 157px;\" data-original-width=\"233\" data-original-height=\"157\" > <div class=\"tiled-gallery-item tiled-gallery-item-small\" itemprop=\"associatedMedia\" itemscope itemtype=\"http:\/\/schema.org\/ImageObject\"> <a href=\"https:\/\/itayachtscanada.com\/fr\/listing\/sirena-68-2022-2950000-usd-for-sale\/capture-decran-le-2024-09-07-a-10-03-46\/\" border=\"0\" itemprop=\"url\"> <meta itemprop=\"width\" content=\"229\"> <meta itemprop=\"height\" content=\"153\"> <img decoding=\"async\" class=\"\" data-attachment-id=\"176398\" data-orig-file=\"https:\/\/itayachtscanada.com\/wp-content\/uploads\/2024\/09\/Capture-decran-le-2024-09-07-a-10.03.46.jpg\" data-orig-size=\"1562,1044\" data-comments-opened=\"1\" data-image-meta=\"{&quot;aperture&quot;:&quot;0&quot;,&quot;credit&quot;:&quot;&quot;,&quot;camera&quot;:&quot;&quot;,&quot;caption&quot;:&quot;&quot;,&quot;created_timestamp&quot;:&quot;0&quot;,&quot;copyright&quot;:&quot;&quot;,&quot;focal_length&quot;:&quot;0&quot;,&quot;iso&quot;:&quot;0&quot;,&quot;shutter_speed&quot;:&quot;0&quot;,&quot;title&quot;:&quot;&quot;,&quot;orientation&quot;:&quot;0&quot;}\" data-image-title=\"Capture d\u2019e\u0301cran, le 2024-09-07 a\u0300 10.03.46\" data-image-description=\"\" data-medium-file=\"https:\/\/i0.wp.com\/itayachtscanada.com\/wp-content\/uploads\/2024\/09\/Capture-decran-le-2024-09-07-a-10.03.46.jpg?fit=300%2C201&#038;ssl=1\" data-large-file=\"https:\/\/i0.wp.com\/itayachtscanada.com\/wp-content\/uploads\/2024\/09\/Capture-decran-le-2024-09-07-a-10.03.46.jpg?fit=700%2C468&#038;ssl=1\" src=\"https:\/\/i0.wp.com\/itayachtscanada.com\/wp-content\/uploads\/2024\/09\/Capture-decran-le-2024-09-07-a-10.03.46.jpg?w=229&#038;h=153&#038;ssl=1\" srcset=\"https:\/\/i0.wp.com\/itayachtscanada.com\/wp-content\/uploads\/2024\/09\/Capture-decran-le-2024-09-07-a-10.03.46.jpg?w=1562&amp;ssl=1 1562w, https:\/\/i0.wp.com\/itayachtscanada.com\/wp-content\/uploads\/2024\/09\/Capture-decran-le-2024-09-07-a-10.03.46.jpg?resize=300%2C201&amp;ssl=1 300w, https:\/\/i0.wp.com\/itayachtscanada.com\/wp-content\/uploads\/2024\/09\/Capture-decran-le-2024-09-07-a-10.03.46.jpg?resize=1024%2C684&amp;ssl=1 1024w, https:\/\/i0.wp.com\/itayachtscanada.com\/wp-content\/uploads\/2024\/09\/Capture-decran-le-2024-09-07-a-10.03.46.jpg?resize=768%2C513&amp;ssl=1 768w, https:\/\/i0.wp.com\/itayachtscanada.com\/wp-content\/uploads\/2024\/09\/Capture-decran-le-2024-09-07-a-10.03.46.jpg?resize=1536%2C1027&amp;ssl=1 1536w, https:\/\/i0.wp.com\/itayachtscanada.com\/wp-content\/uploads\/2024\/09\/Capture-decran-le-2024-09-07-a-10.03.46.jpg?resize=700%2C468&amp;ssl=1 700w, https:\/\/i0.wp.com\/itayachtscanada.com\/wp-content\/uploads\/2024\/09\/Capture-decran-le-2024-09-07-a-10.03.46.jpg?resize=900%2C600&amp;ssl=1 900w, https:\/\/i0.wp.com\/itayachtscanada.com\/wp-content\/uploads\/2024\/09\/Capture-decran-le-2024-09-07-a-10.03.46.jpg?resize=598%2C400&amp;ssl=1 598w, https:\/\/i0.wp.com\/itayachtscanada.com\/wp-content\/uploads\/2024\/09\/Capture-decran-le-2024-09-07-a-10.03.46.jpg?w=1400&amp;ssl=1 1400w\" width=\"229\" height=\"153\" loading=\"lazy\" data-original-width=\"229\" data-original-height=\"153\" itemprop=\"http:\/\/schema.org\/image\" title=\"Capture d\u2019e\u0301cran, le 2024-09-07 a\u0300 10.03.46\" alt=\"Capture d\u2019e\u0301cran, le 2024-09-07 a\u0300 10.03.46\" style=\"width: 229px; height: 153px;\" \/> <\/a> <\/div> <\/div> <!-- close group --> <div class=\"gallery-group images-1\" style=\"width: 233px; height: 157px;\" data-original-width=\"233\" data-original-height=\"157\" > <div class=\"tiled-gallery-item tiled-gallery-item-small\" itemprop=\"associatedMedia\" itemscope itemtype=\"http:\/\/schema.org\/ImageObject\"> <a href=\"https:\/\/itayachtscanada.com\/fr\/listing\/sirena-68-2022-2950000-usd-for-sale\/capture-decran-le-2024-09-07-a-10-03-38\/\" border=\"0\" itemprop=\"url\"> <meta itemprop=\"width\" content=\"229\"> <meta itemprop=\"height\" content=\"153\"> <img decoding=\"async\" class=\"\" data-attachment-id=\"176399\" data-orig-file=\"https:\/\/itayachtscanada.com\/wp-content\/uploads\/2024\/09\/Capture-decran-le-2024-09-07-a-10.03.38.jpg\" data-orig-size=\"1562,1044\" data-comments-opened=\"1\" data-image-meta=\"{&quot;aperture&quot;:&quot;0&quot;,&quot;credit&quot;:&quot;&quot;,&quot;camera&quot;:&quot;&quot;,&quot;caption&quot;:&quot;&quot;,&quot;created_timestamp&quot;:&quot;0&quot;,&quot;copyright&quot;:&quot;&quot;,&quot;focal_length&quot;:&quot;0&quot;,&quot;iso&quot;:&quot;0&quot;,&quot;shutter_speed&quot;:&quot;0&quot;,&quot;title&quot;:&quot;&quot;,&quot;orientation&quot;:&quot;0&quot;}\" data-image-title=\"Capture d\u2019e\u0301cran, le 2024-09-07 a\u0300 10.03.38\" data-image-description=\"\" data-medium-file=\"https:\/\/i0.wp.com\/itayachtscanada.com\/wp-content\/uploads\/2024\/09\/Capture-decran-le-2024-09-07-a-10.03.38.jpg?fit=300%2C201&#038;ssl=1\" data-large-file=\"https:\/\/i0.wp.com\/itayachtscanada.com\/wp-content\/uploads\/2024\/09\/Capture-decran-le-2024-09-07-a-10.03.38.jpg?fit=700%2C468&#038;ssl=1\" src=\"https:\/\/i0.wp.com\/itayachtscanada.com\/wp-content\/uploads\/2024\/09\/Capture-decran-le-2024-09-07-a-10.03.38.jpg?w=229&#038;h=153&#038;ssl=1\" srcset=\"https:\/\/i0.wp.com\/itayachtscanada.com\/wp-content\/uploads\/2024\/09\/Capture-decran-le-2024-09-07-a-10.03.38.jpg?w=1562&amp;ssl=1 1562w, https:\/\/i0.wp.com\/itayachtscanada.com\/wp-content\/uploads\/2024\/09\/Capture-decran-le-2024-09-07-a-10.03.38.jpg?resize=300%2C201&amp;ssl=1 300w, https:\/\/i0.wp.com\/itayachtscanada.com\/wp-content\/uploads\/2024\/09\/Capture-decran-le-2024-09-07-a-10.03.38.jpg?resize=1024%2C684&amp;ssl=1 1024w, https:\/\/i0.wp.com\/itayachtscanada.com\/wp-content\/uploads\/2024\/09\/Capture-decran-le-2024-09-07-a-10.03.38.jpg?resize=768%2C513&amp;ssl=1 768w, https:\/\/i0.wp.com\/itayachtscanada.com\/wp-content\/uploads\/2024\/09\/Capture-decran-le-2024-09-07-a-10.03.38.jpg?resize=1536%2C1027&amp;ssl=1 1536w, https:\/\/i0.wp.com\/itayachtscanada.com\/wp-content\/uploads\/2024\/09\/Capture-decran-le-2024-09-07-a-10.03.38.jpg?resize=700%2C468&amp;ssl=1 700w, https:\/\/i0.wp.com\/itayachtscanada.com\/wp-content\/uploads\/2024\/09\/Capture-decran-le-2024-09-07-a-10.03.38.jpg?resize=900%2C600&amp;ssl=1 900w, https:\/\/i0.wp.com\/itayachtscanada.com\/wp-content\/uploads\/2024\/09\/Capture-decran-le-2024-09-07-a-10.03.38.jpg?resize=598%2C400&amp;ssl=1 598w, https:\/\/i0.wp.com\/itayachtscanada.com\/wp-content\/uploads\/2024\/09\/Capture-decran-le-2024-09-07-a-10.03.38.jpg?w=1400&amp;ssl=1 1400w\" width=\"229\" height=\"153\" loading=\"lazy\" data-original-width=\"229\" data-original-height=\"153\" itemprop=\"http:\/\/schema.org\/image\" title=\"Capture d\u2019e\u0301cran, le 2024-09-07 a\u0300 10.03.38\" alt=\"Capture d\u2019e\u0301cran, le 2024-09-07 a\u0300 10.03.38\" style=\"width: 229px; height: 153px;\" \/> <\/a> <\/div> <\/div> <!-- close group --> <\/div> <!-- close row --> <div class=\"gallery-row\" style=\"width: 700px; height: 314px;\" data-original-width=\"700\" data-original-height=\"314\" > <div class=\"gallery-group images-2\" style=\"width: 233px; height: 314px;\" data-original-width=\"233\" data-original-height=\"314\" > <div class=\"tiled-gallery-item tiled-gallery-item-small\" itemprop=\"associatedMedia\" itemscope itemtype=\"http:\/\/schema.org\/ImageObject\"> <a href=\"https:\/\/itayachtscanada.com\/fr\/listing\/sirena-68-2022-2950000-usd-for-sale\/capture-decran-le-2024-09-07-a-10-01-11\/\" border=\"0\" itemprop=\"url\"> <meta itemprop=\"width\" content=\"229\"> <meta itemprop=\"height\" content=\"153\"> <img decoding=\"async\" class=\"\" data-attachment-id=\"176427\" data-orig-file=\"https:\/\/itayachtscanada.com\/wp-content\/uploads\/2024\/09\/Capture-decran-le-2024-09-07-a-10.01.11.jpg\" data-orig-size=\"1566,1044\" data-comments-opened=\"1\" data-image-meta=\"{&quot;aperture&quot;:&quot;0&quot;,&quot;credit&quot;:&quot;&quot;,&quot;camera&quot;:&quot;&quot;,&quot;caption&quot;:&quot;&quot;,&quot;created_timestamp&quot;:&quot;0&quot;,&quot;copyright&quot;:&quot;&quot;,&quot;focal_length&quot;:&quot;0&quot;,&quot;iso&quot;:&quot;0&quot;,&quot;shutter_speed&quot;:&quot;0&quot;,&quot;title&quot;:&quot;&quot;,&quot;orientation&quot;:&quot;0&quot;}\" data-image-title=\"Capture d\u2019e\u0301cran, le 2024-09-07 a\u0300 10.01.11\" data-image-description=\"\" data-medium-file=\"https:\/\/i0.wp.com\/itayachtscanada.com\/wp-content\/uploads\/2024\/09\/Capture-decran-le-2024-09-07-a-10.01.11.jpg?fit=300%2C200&#038;ssl=1\" data-large-file=\"https:\/\/i0.wp.com\/itayachtscanada.com\/wp-content\/uploads\/2024\/09\/Capture-decran-le-2024-09-07-a-10.01.11.jpg?fit=700%2C467&#038;ssl=1\" src=\"https:\/\/i0.wp.com\/itayachtscanada.com\/wp-content\/uploads\/2024\/09\/Capture-decran-le-2024-09-07-a-10.01.11.jpg?w=229&#038;h=153&#038;ssl=1\" srcset=\"https:\/\/i0.wp.com\/itayachtscanada.com\/wp-content\/uploads\/2024\/09\/Capture-decran-le-2024-09-07-a-10.01.11.jpg?w=1566&amp;ssl=1 1566w, https:\/\/i0.wp.com\/itayachtscanada.com\/wp-content\/uploads\/2024\/09\/Capture-decran-le-2024-09-07-a-10.01.11.jpg?resize=300%2C200&amp;ssl=1 300w, https:\/\/i0.wp.com\/itayachtscanada.com\/wp-content\/uploads\/2024\/09\/Capture-decran-le-2024-09-07-a-10.01.11.jpg?resize=1024%2C683&amp;ssl=1 1024w, https:\/\/i0.wp.com\/itayachtscanada.com\/wp-content\/uploads\/2024\/09\/Capture-decran-le-2024-09-07-a-10.01.11.jpg?resize=768%2C512&amp;ssl=1 768w, https:\/\/i0.wp.com\/itayachtscanada.com\/wp-content\/uploads\/2024\/09\/Capture-decran-le-2024-09-07-a-10.01.11.jpg?resize=1536%2C1024&amp;ssl=1 1536w, https:\/\/i0.wp.com\/itayachtscanada.com\/wp-content\/uploads\/2024\/09\/Capture-decran-le-2024-09-07-a-10.01.11.jpg?resize=700%2C467&amp;ssl=1 700w, https:\/\/i0.wp.com\/itayachtscanada.com\/wp-content\/uploads\/2024\/09\/Capture-decran-le-2024-09-07-a-10.01.11.jpg?resize=900%2C600&amp;ssl=1 900w, https:\/\/i0.wp.com\/itayachtscanada.com\/wp-content\/uploads\/2024\/09\/Capture-decran-le-2024-09-07-a-10.01.11.jpg?resize=600%2C400&amp;ssl=1 600w, https:\/\/i0.wp.com\/itayachtscanada.com\/wp-content\/uploads\/2024\/09\/Capture-decran-le-2024-09-07-a-10.01.11.jpg?w=1400&amp;ssl=1 1400w\" width=\"229\" height=\"153\" loading=\"lazy\" data-original-width=\"229\" data-original-height=\"153\" itemprop=\"http:\/\/schema.org\/image\" title=\"Capture d\u2019e\u0301cran, le 2024-09-07 a\u0300 10.01.11\" alt=\"Capture d\u2019e\u0301cran, le 2024-09-07 a\u0300 10.01.11\" style=\"width: 229px; height: 153px;\" \/> <\/a> <\/div> <div class=\"tiled-gallery-item tiled-gallery-item-small\" itemprop=\"associatedMedia\" itemscope itemtype=\"http:\/\/schema.org\/ImageObject\"> <a href=\"https:\/\/itayachtscanada.com\/fr\/listing\/sirena-68-2022-2950000-usd-for-sale\/capture-decran-le-2024-09-07-a-10-02-53\/\" border=\"0\" itemprop=\"url\"> <meta itemprop=\"width\" content=\"229\"> <meta itemprop=\"height\" content=\"153\"> <img decoding=\"async\" class=\"\" data-attachment-id=\"176406\" data-orig-file=\"https:\/\/itayachtscanada.com\/wp-content\/uploads\/2024\/09\/Capture-decran-le-2024-09-07-a-10.02.53.jpg\" data-orig-size=\"1560,1044\" data-comments-opened=\"1\" data-image-meta=\"{&quot;aperture&quot;:&quot;0&quot;,&quot;credit&quot;:&quot;&quot;,&quot;camera&quot;:&quot;&quot;,&quot;caption&quot;:&quot;&quot;,&quot;created_timestamp&quot;:&quot;0&quot;,&quot;copyright&quot;:&quot;&quot;,&quot;focal_length&quot;:&quot;0&quot;,&quot;iso&quot;:&quot;0&quot;,&quot;shutter_speed&quot;:&quot;0&quot;,&quot;title&quot;:&quot;&quot;,&quot;orientation&quot;:&quot;0&quot;}\" data-image-title=\"Capture d\u2019e\u0301cran, le 2024-09-07 a\u0300 10.02.53\" data-image-description=\"\" data-medium-file=\"https:\/\/i0.wp.com\/itayachtscanada.com\/wp-content\/uploads\/2024\/09\/Capture-decran-le-2024-09-07-a-10.02.53.jpg?fit=300%2C201&#038;ssl=1\" data-large-file=\"https:\/\/i0.wp.com\/itayachtscanada.com\/wp-content\/uploads\/2024\/09\/Capture-decran-le-2024-09-07-a-10.02.53.jpg?fit=700%2C468&#038;ssl=1\" src=\"https:\/\/i0.wp.com\/itayachtscanada.com\/wp-content\/uploads\/2024\/09\/Capture-decran-le-2024-09-07-a-10.02.53.jpg?w=229&#038;h=153&#038;ssl=1\" srcset=\"https:\/\/i0.wp.com\/itayachtscanada.com\/wp-content\/uploads\/2024\/09\/Capture-decran-le-2024-09-07-a-10.02.53.jpg?w=1560&amp;ssl=1 1560w, https:\/\/i0.wp.com\/itayachtscanada.com\/wp-content\/uploads\/2024\/09\/Capture-decran-le-2024-09-07-a-10.02.53.jpg?resize=300%2C201&amp;ssl=1 300w, https:\/\/i0.wp.com\/itayachtscanada.com\/wp-content\/uploads\/2024\/09\/Capture-decran-le-2024-09-07-a-10.02.53.jpg?resize=1024%2C685&amp;ssl=1 1024w, https:\/\/i0.wp.com\/itayachtscanada.com\/wp-content\/uploads\/2024\/09\/Capture-decran-le-2024-09-07-a-10.02.53.jpg?resize=768%2C514&amp;ssl=1 768w, https:\/\/i0.wp.com\/itayachtscanada.com\/wp-content\/uploads\/2024\/09\/Capture-decran-le-2024-09-07-a-10.02.53.jpg?resize=1536%2C1028&amp;ssl=1 1536w, https:\/\/i0.wp.com\/itayachtscanada.com\/wp-content\/uploads\/2024\/09\/Capture-decran-le-2024-09-07-a-10.02.53.jpg?resize=700%2C468&amp;ssl=1 700w, https:\/\/i0.wp.com\/itayachtscanada.com\/wp-content\/uploads\/2024\/09\/Capture-decran-le-2024-09-07-a-10.02.53.jpg?resize=900%2C600&amp;ssl=1 900w, https:\/\/i0.wp.com\/itayachtscanada.com\/wp-content\/uploads\/2024\/09\/Capture-decran-le-2024-09-07-a-10.02.53.jpg?resize=598%2C400&amp;ssl=1 598w, https:\/\/i0.wp.com\/itayachtscanada.com\/wp-content\/uploads\/2024\/09\/Capture-decran-le-2024-09-07-a-10.02.53.jpg?w=1400&amp;ssl=1 1400w\" width=\"229\" height=\"153\" loading=\"lazy\" data-original-width=\"229\" data-original-height=\"153\" itemprop=\"http:\/\/schema.org\/image\" title=\"Capture d\u2019e\u0301cran, le 2024-09-07 a\u0300 10.02.53\" alt=\"Capture d\u2019e\u0301cran, le 2024-09-07 a\u0300 10.02.53\" style=\"width: 229px; height: 153px;\" \/> <\/a> <\/div> <\/div> <!-- close group --> <div class=\"gallery-group images-1\" style=\"width: 467px; height: 314px;\" data-original-width=\"467\" data-original-height=\"314\" > <div class=\"tiled-gallery-item tiled-gallery-item-large\" itemprop=\"associatedMedia\" itemscope itemtype=\"http:\/\/schema.org\/ImageObject\"> <a href=\"https:\/\/itayachtscanada.com\/fr\/listing\/sirena-68-2022-2950000-usd-for-sale\/capture-decran-le-2024-09-07-a-10-02-40\/\" border=\"0\" itemprop=\"url\"> <meta itemprop=\"width\" content=\"463\"> <meta itemprop=\"height\" content=\"310\"> <img decoding=\"async\" class=\"\" data-attachment-id=\"176410\" data-orig-file=\"https:\/\/itayachtscanada.com\/wp-content\/uploads\/2024\/09\/Capture-decran-le-2024-09-07-a-10.02.40.jpg\" data-orig-size=\"1560,1044\" data-comments-opened=\"1\" data-image-meta=\"{&quot;aperture&quot;:&quot;0&quot;,&quot;credit&quot;:&quot;&quot;,&quot;camera&quot;:&quot;&quot;,&quot;caption&quot;:&quot;&quot;,&quot;created_timestamp&quot;:&quot;0&quot;,&quot;copyright&quot;:&quot;&quot;,&quot;focal_length&quot;:&quot;0&quot;,&quot;iso&quot;:&quot;0&quot;,&quot;shutter_speed&quot;:&quot;0&quot;,&quot;title&quot;:&quot;&quot;,&quot;orientation&quot;:&quot;0&quot;}\" data-image-title=\"Capture d\u2019e\u0301cran, le 2024-09-07 a\u0300 10.02.40\" data-image-description=\"\" data-medium-file=\"https:\/\/i0.wp.com\/itayachtscanada.com\/wp-content\/uploads\/2024\/09\/Capture-decran-le-2024-09-07-a-10.02.40.jpg?fit=300%2C201&#038;ssl=1\" data-large-file=\"https:\/\/i0.wp.com\/itayachtscanada.com\/wp-content\/uploads\/2024\/09\/Capture-decran-le-2024-09-07-a-10.02.40.jpg?fit=700%2C468&#038;ssl=1\" src=\"https:\/\/i0.wp.com\/itayachtscanada.com\/wp-content\/uploads\/2024\/09\/Capture-decran-le-2024-09-07-a-10.02.40.jpg?w=463&#038;h=310&#038;ssl=1\" srcset=\"https:\/\/i0.wp.com\/itayachtscanada.com\/wp-content\/uploads\/2024\/09\/Capture-decran-le-2024-09-07-a-10.02.40.jpg?w=1560&amp;ssl=1 1560w, https:\/\/i0.wp.com\/itayachtscanada.com\/wp-content\/uploads\/2024\/09\/Capture-decran-le-2024-09-07-a-10.02.40.jpg?resize=300%2C201&amp;ssl=1 300w, https:\/\/i0.wp.com\/itayachtscanada.com\/wp-content\/uploads\/2024\/09\/Capture-decran-le-2024-09-07-a-10.02.40.jpg?resize=1024%2C685&amp;ssl=1 1024w, https:\/\/i0.wp.com\/itayachtscanada.com\/wp-content\/uploads\/2024\/09\/Capture-decran-le-2024-09-07-a-10.02.40.jpg?resize=768%2C514&amp;ssl=1 768w, https:\/\/i0.wp.com\/itayachtscanada.com\/wp-content\/uploads\/2024\/09\/Capture-decran-le-2024-09-07-a-10.02.40.jpg?resize=1536%2C1028&amp;ssl=1 1536w, https:\/\/i0.wp.com\/itayachtscanada.com\/wp-content\/uploads\/2024\/09\/Capture-decran-le-2024-09-07-a-10.02.40.jpg?resize=700%2C468&amp;ssl=1 700w, https:\/\/i0.wp.com\/itayachtscanada.com\/wp-content\/uploads\/2024\/09\/Capture-decran-le-2024-09-07-a-10.02.40.jpg?resize=900%2C600&amp;ssl=1 900w, https:\/\/i0.wp.com\/itayachtscanada.com\/wp-content\/uploads\/2024\/09\/Capture-decran-le-2024-09-07-a-10.02.40.jpg?resize=598%2C400&amp;ssl=1 598w, https:\/\/i0.wp.com\/itayachtscanada.com\/wp-content\/uploads\/2024\/09\/Capture-decran-le-2024-09-07-a-10.02.40.jpg?w=1400&amp;ssl=1 1400w\" width=\"463\" height=\"310\" loading=\"lazy\" data-original-width=\"463\" data-original-height=\"310\" itemprop=\"http:\/\/schema.org\/image\" title=\"Capture d\u2019e\u0301cran, le 2024-09-07 a\u0300 10.02.40\" alt=\"Capture d\u2019e\u0301cran, le 2024-09-07 a\u0300 10.02.40\" style=\"width: 463px; height: 310px;\" \/> <\/a> <\/div> <\/div> <!-- close group --> <\/div> <!-- close row --> <div class=\"gallery-row\" style=\"width: 700px; height: 236px;\" data-original-width=\"700\" data-original-height=\"236\" > <div class=\"gallery-group images-1\" style=\"width: 350px; height: 236px;\" data-original-width=\"350\" data-original-height=\"236\" > <div class=\"tiled-gallery-item tiled-gallery-item-large\" itemprop=\"associatedMedia\" itemscope itemtype=\"http:\/\/schema.org\/ImageObject\"> <a href=\"https:\/\/itayachtscanada.com\/fr\/listing\/sirena-68-2022-2950000-usd-for-sale\/capture-decran-le-2024-09-07-a-10-02-50\/\" border=\"0\" itemprop=\"url\"> <meta itemprop=\"width\" content=\"346\"> <meta itemprop=\"height\" content=\"232\"> <img decoding=\"async\" class=\"\" data-attachment-id=\"176407\" data-orig-file=\"https:\/\/itayachtscanada.com\/wp-content\/uploads\/2024\/09\/Capture-decran-le-2024-09-07-a-10.02.50.jpg\" data-orig-size=\"1560,1044\" data-comments-opened=\"1\" data-image-meta=\"{&quot;aperture&quot;:&quot;0&quot;,&quot;credit&quot;:&quot;&quot;,&quot;camera&quot;:&quot;&quot;,&quot;caption&quot;:&quot;&quot;,&quot;created_timestamp&quot;:&quot;0&quot;,&quot;copyright&quot;:&quot;&quot;,&quot;focal_length&quot;:&quot;0&quot;,&quot;iso&quot;:&quot;0&quot;,&quot;shutter_speed&quot;:&quot;0&quot;,&quot;title&quot;:&quot;&quot;,&quot;orientation&quot;:&quot;0&quot;}\" data-image-title=\"Capture d\u2019e\u0301cran, le 2024-09-07 a\u0300 10.02.50\" data-image-description=\"\" data-medium-file=\"https:\/\/i0.wp.com\/itayachtscanada.com\/wp-content\/uploads\/2024\/09\/Capture-decran-le-2024-09-07-a-10.02.50.jpg?fit=300%2C201&#038;ssl=1\" data-large-file=\"https:\/\/i0.wp.com\/itayachtscanada.com\/wp-content\/uploads\/2024\/09\/Capture-decran-le-2024-09-07-a-10.02.50.jpg?fit=700%2C468&#038;ssl=1\" src=\"https:\/\/i0.wp.com\/itayachtscanada.com\/wp-content\/uploads\/2024\/09\/Capture-decran-le-2024-09-07-a-10.02.50.jpg?w=346&#038;h=232&#038;ssl=1\" srcset=\"https:\/\/i0.wp.com\/itayachtscanada.com\/wp-content\/uploads\/2024\/09\/Capture-decran-le-2024-09-07-a-10.02.50.jpg?w=1560&amp;ssl=1 1560w, https:\/\/i0.wp.com\/itayachtscanada.com\/wp-content\/uploads\/2024\/09\/Capture-decran-le-2024-09-07-a-10.02.50.jpg?resize=300%2C201&amp;ssl=1 300w, https:\/\/i0.wp.com\/itayachtscanada.com\/wp-content\/uploads\/2024\/09\/Capture-decran-le-2024-09-07-a-10.02.50.jpg?resize=1024%2C685&amp;ssl=1 1024w, https:\/\/i0.wp.com\/itayachtscanada.com\/wp-content\/uploads\/2024\/09\/Capture-decran-le-2024-09-07-a-10.02.50.jpg?resize=768%2C514&amp;ssl=1 768w, https:\/\/i0.wp.com\/itayachtscanada.com\/wp-content\/uploads\/2024\/09\/Capture-decran-le-2024-09-07-a-10.02.50.jpg?resize=1536%2C1028&amp;ssl=1 1536w, https:\/\/i0.wp.com\/itayachtscanada.com\/wp-content\/uploads\/2024\/09\/Capture-decran-le-2024-09-07-a-10.02.50.jpg?resize=700%2C468&amp;ssl=1 700w, https:\/\/i0.wp.com\/itayachtscanada.com\/wp-content\/uploads\/2024\/09\/Capture-decran-le-2024-09-07-a-10.02.50.jpg?resize=900%2C600&amp;ssl=1 900w, https:\/\/i0.wp.com\/itayachtscanada.com\/wp-content\/uploads\/2024\/09\/Capture-decran-le-2024-09-07-a-10.02.50.jpg?resize=598%2C400&amp;ssl=1 598w, https:\/\/i0.wp.com\/itayachtscanada.com\/wp-content\/uploads\/2024\/09\/Capture-decran-le-2024-09-07-a-10.02.50.jpg?w=1400&amp;ssl=1 1400w\" width=\"346\" height=\"232\" loading=\"lazy\" data-original-width=\"346\" data-original-height=\"232\" itemprop=\"http:\/\/schema.org\/image\" title=\"Capture d\u2019e\u0301cran, le 2024-09-07 a\u0300 10.02.50\" alt=\"Capture d\u2019e\u0301cran, le 2024-09-07 a\u0300 10.02.50\" style=\"width: 346px; height: 232px;\" \/> <\/a> <\/div> <\/div> <!-- close group --> <div class=\"gallery-group images-1\" style=\"width: 350px; height: 236px;\" data-original-width=\"350\" data-original-height=\"236\" > <div class=\"tiled-gallery-item tiled-gallery-item-large\" itemprop=\"associatedMedia\" itemscope itemtype=\"http:\/\/schema.org\/ImageObject\"> <a href=\"https:\/\/itayachtscanada.com\/fr\/listing\/sirena-68-2022-2950000-usd-for-sale\/capture-decran-le-2024-09-07-a-10-02-47\/\" border=\"0\" itemprop=\"url\"> <meta itemprop=\"width\" content=\"346\"> <meta itemprop=\"height\" content=\"232\"> <img decoding=\"async\" class=\"\" data-attachment-id=\"176408\" data-orig-file=\"https:\/\/itayachtscanada.com\/wp-content\/uploads\/2024\/09\/Capture-decran-le-2024-09-07-a-10.02.47.jpg\" data-orig-size=\"1560,1044\" data-comments-opened=\"1\" data-image-meta=\"{&quot;aperture&quot;:&quot;0&quot;,&quot;credit&quot;:&quot;&quot;,&quot;camera&quot;:&quot;&quot;,&quot;caption&quot;:&quot;&quot;,&quot;created_timestamp&quot;:&quot;0&quot;,&quot;copyright&quot;:&quot;&quot;,&quot;focal_length&quot;:&quot;0&quot;,&quot;iso&quot;:&quot;0&quot;,&quot;shutter_speed&quot;:&quot;0&quot;,&quot;title&quot;:&quot;&quot;,&quot;orientation&quot;:&quot;0&quot;}\" data-image-title=\"Capture d\u2019e\u0301cran, le 2024-09-07 a\u0300 10.02.47\" data-image-description=\"\" data-medium-file=\"https:\/\/i0.wp.com\/itayachtscanada.com\/wp-content\/uploads\/2024\/09\/Capture-decran-le-2024-09-07-a-10.02.47.jpg?fit=300%2C201&#038;ssl=1\" data-large-file=\"https:\/\/i0.wp.com\/itayachtscanada.com\/wp-content\/uploads\/2024\/09\/Capture-decran-le-2024-09-07-a-10.02.47.jpg?fit=700%2C468&#038;ssl=1\" src=\"https:\/\/i0.wp.com\/itayachtscanada.com\/wp-content\/uploads\/2024\/09\/Capture-decran-le-2024-09-07-a-10.02.47.jpg?w=346&#038;h=232&#038;ssl=1\" srcset=\"https:\/\/i0.wp.com\/itayachtscanada.com\/wp-content\/uploads\/2024\/09\/Capture-decran-le-2024-09-07-a-10.02.47.jpg?w=1560&amp;ssl=1 1560w, https:\/\/i0.wp.com\/itayachtscanada.com\/wp-content\/uploads\/2024\/09\/Capture-decran-le-2024-09-07-a-10.02.47.jpg?resize=300%2C201&amp;ssl=1 300w, https:\/\/i0.wp.com\/itayachtscanada.com\/wp-content\/uploads\/2024\/09\/Capture-decran-le-2024-09-07-a-10.02.47.jpg?resize=1024%2C685&amp;ssl=1 1024w, https:\/\/i0.wp.com\/itayachtscanada.com\/wp-content\/uploads\/2024\/09\/Capture-decran-le-2024-09-07-a-10.02.47.jpg?resize=768%2C514&amp;ssl=1 768w, https:\/\/i0.wp.com\/itayachtscanada.com\/wp-content\/uploads\/2024\/09\/Capture-decran-le-2024-09-07-a-10.02.47.jpg?resize=1536%2C1028&amp;ssl=1 1536w, https:\/\/i0.wp.com\/itayachtscanada.com\/wp-content\/uploads\/2024\/09\/Capture-decran-le-2024-09-07-a-10.02.47.jpg?resize=700%2C468&amp;ssl=1 700w, https:\/\/i0.wp.com\/itayachtscanada.com\/wp-content\/uploads\/2024\/09\/Capture-decran-le-2024-09-07-a-10.02.47.jpg?resize=900%2C600&amp;ssl=1 900w, https:\/\/i0.wp.com\/itayachtscanada.com\/wp-content\/uploads\/2024\/09\/Capture-decran-le-2024-09-07-a-10.02.47.jpg?resize=598%2C400&amp;ssl=1 598w, https:\/\/i0.wp.com\/itayachtscanada.com\/wp-content\/uploads\/2024\/09\/Capture-decran-le-2024-09-07-a-10.02.47.jpg?w=1400&amp;ssl=1 1400w\" width=\"346\" height=\"232\" loading=\"lazy\" data-original-width=\"346\" data-original-height=\"232\" itemprop=\"http:\/\/schema.org\/image\" title=\"Capture d\u2019e\u0301cran, le 2024-09-07 a\u0300 10.02.47\" alt=\"Capture d\u2019e\u0301cran, le 2024-09-07 a\u0300 10.02.47\" style=\"width: 346px; height: 232px;\" \/> <\/a> <\/div> <\/div> <!-- close group --> <\/div> <!-- close row --> <div class=\"gallery-row\" style=\"width: 700px; height: 605px;\" data-original-width=\"700\" data-original-height=\"605\" > <div class=\"gallery-group images-3\" style=\"width: 299px; height: 605px;\" data-original-width=\"299\" data-original-height=\"605\" > <div class=\"tiled-gallery-item tiled-gallery-item-large\" itemprop=\"associatedMedia\" itemscope itemtype=\"http:\/\/schema.org\/ImageObject\"> <a href=\"https:\/\/itayachtscanada.com\/fr\/listing\/sirena-68-2022-2950000-usd-for-sale\/capture-decran-le-2024-09-07-a-10-02-43\/\" border=\"0\" itemprop=\"url\"> <meta itemprop=\"width\" content=\"295\"> <meta itemprop=\"height\" content=\"198\"> <img decoding=\"async\" class=\"\" data-attachment-id=\"176409\" data-orig-file=\"https:\/\/itayachtscanada.com\/wp-content\/uploads\/2024\/09\/Capture-decran-le-2024-09-07-a-10.02.43.jpg\" data-orig-size=\"1560,1044\" data-comments-opened=\"1\" data-image-meta=\"{&quot;aperture&quot;:&quot;0&quot;,&quot;credit&quot;:&quot;&quot;,&quot;camera&quot;:&quot;&quot;,&quot;caption&quot;:&quot;&quot;,&quot;created_timestamp&quot;:&quot;0&quot;,&quot;copyright&quot;:&quot;&quot;,&quot;focal_length&quot;:&quot;0&quot;,&quot;iso&quot;:&quot;0&quot;,&quot;shutter_speed&quot;:&quot;0&quot;,&quot;title&quot;:&quot;&quot;,&quot;orientation&quot;:&quot;0&quot;}\" data-image-title=\"Capture d\u2019e\u0301cran, le 2024-09-07 a\u0300 10.02.43\" data-image-description=\"\" data-medium-file=\"https:\/\/i0.wp.com\/itayachtscanada.com\/wp-content\/uploads\/2024\/09\/Capture-decran-le-2024-09-07-a-10.02.43.jpg?fit=300%2C201&#038;ssl=1\" data-large-file=\"https:\/\/i0.wp.com\/itayachtscanada.com\/wp-content\/uploads\/2024\/09\/Capture-decran-le-2024-09-07-a-10.02.43.jpg?fit=700%2C468&#038;ssl=1\" src=\"https:\/\/i0.wp.com\/itayachtscanada.com\/wp-content\/uploads\/2024\/09\/Capture-decran-le-2024-09-07-a-10.02.43.jpg?w=295&#038;h=198&#038;ssl=1\" srcset=\"https:\/\/i0.wp.com\/itayachtscanada.com\/wp-content\/uploads\/2024\/09\/Capture-decran-le-2024-09-07-a-10.02.43.jpg?w=1560&amp;ssl=1 1560w, https:\/\/i0.wp.com\/itayachtscanada.com\/wp-content\/uploads\/2024\/09\/Capture-decran-le-2024-09-07-a-10.02.43.jpg?resize=300%2C201&amp;ssl=1 300w, https:\/\/i0.wp.com\/itayachtscanada.com\/wp-content\/uploads\/2024\/09\/Capture-decran-le-2024-09-07-a-10.02.43.jpg?resize=1024%2C685&amp;ssl=1 1024w, https:\/\/i0.wp.com\/itayachtscanada.com\/wp-content\/uploads\/2024\/09\/Capture-decran-le-2024-09-07-a-10.02.43.jpg?resize=768%2C514&amp;ssl=1 768w, https:\/\/i0.wp.com\/itayachtscanada.com\/wp-content\/uploads\/2024\/09\/Capture-decran-le-2024-09-07-a-10.02.43.jpg?resize=1536%2C1028&amp;ssl=1 1536w, https:\/\/i0.wp.com\/itayachtscanada.com\/wp-content\/uploads\/2024\/09\/Capture-decran-le-2024-09-07-a-10.02.43.jpg?resize=700%2C468&amp;ssl=1 700w, https:\/\/i0.wp.com\/itayachtscanada.com\/wp-content\/uploads\/2024\/09\/Capture-decran-le-2024-09-07-a-10.02.43.jpg?resize=900%2C600&amp;ssl=1 900w, https:\/\/i0.wp.com\/itayachtscanada.com\/wp-content\/uploads\/2024\/09\/Capture-decran-le-2024-09-07-a-10.02.43.jpg?resize=598%2C400&amp;ssl=1 598w, https:\/\/i0.wp.com\/itayachtscanada.com\/wp-content\/uploads\/2024\/09\/Capture-decran-le-2024-09-07-a-10.02.43.jpg?w=1400&amp;ssl=1 1400w\" width=\"295\" height=\"198\" loading=\"lazy\" data-original-width=\"295\" data-original-height=\"198\" itemprop=\"http:\/\/schema.org\/image\" title=\"Capture d\u2019e\u0301cran, le 2024-09-07 a\u0300 10.02.43\" alt=\"Capture d\u2019e\u0301cran, le 2024-09-07 a\u0300 10.02.43\" style=\"width: 295px; height: 198px;\" \/> <\/a> <\/div> <div class=\"tiled-gallery-item tiled-gallery-item-large\" itemprop=\"associatedMedia\" itemscope itemtype=\"http:\/\/schema.org\/ImageObject\"> <a href=\"https:\/\/itayachtscanada.com\/fr\/listing\/sirena-68-2022-2950000-usd-for-sale\/capture-decran-le-2024-09-07-a-10-02-37\/\" border=\"0\" itemprop=\"url\"> <meta itemprop=\"width\" content=\"295\"> <meta itemprop=\"height\" content=\"198\"> <img decoding=\"async\" class=\"\" data-attachment-id=\"176411\" data-orig-file=\"https:\/\/itayachtscanada.com\/wp-content\/uploads\/2024\/09\/Capture-decran-le-2024-09-07-a-10.02.37.jpg\" data-orig-size=\"1560,1044\" data-comments-opened=\"1\" data-image-meta=\"{&quot;aperture&quot;:&quot;0&quot;,&quot;credit&quot;:&quot;&quot;,&quot;camera&quot;:&quot;&quot;,&quot;caption&quot;:&quot;&quot;,&quot;created_timestamp&quot;:&quot;0&quot;,&quot;copyright&quot;:&quot;&quot;,&quot;focal_length&quot;:&quot;0&quot;,&quot;iso&quot;:&quot;0&quot;,&quot;shutter_speed&quot;:&quot;0&quot;,&quot;title&quot;:&quot;&quot;,&quot;orientation&quot;:&quot;0&quot;}\" data-image-title=\"Capture d\u2019e\u0301cran, le 2024-09-07 a\u0300 10.02.37\" data-image-description=\"\" data-medium-file=\"https:\/\/i0.wp.com\/itayachtscanada.com\/wp-content\/uploads\/2024\/09\/Capture-decran-le-2024-09-07-a-10.02.37.jpg?fit=300%2C201&#038;ssl=1\" data-large-file=\"https:\/\/i0.wp.com\/itayachtscanada.com\/wp-content\/uploads\/2024\/09\/Capture-decran-le-2024-09-07-a-10.02.37.jpg?fit=700%2C468&#038;ssl=1\" src=\"https:\/\/i0.wp.com\/itayachtscanada.com\/wp-content\/uploads\/2024\/09\/Capture-decran-le-2024-09-07-a-10.02.37.jpg?w=295&#038;h=198&#038;ssl=1\" srcset=\"https:\/\/i0.wp.com\/itayachtscanada.com\/wp-content\/uploads\/2024\/09\/Capture-decran-le-2024-09-07-a-10.02.37.jpg?w=1560&amp;ssl=1 1560w, https:\/\/i0.wp.com\/itayachtscanada.com\/wp-content\/uploads\/2024\/09\/Capture-decran-le-2024-09-07-a-10.02.37.jpg?resize=300%2C201&amp;ssl=1 300w, https:\/\/i0.wp.com\/itayachtscanada.com\/wp-content\/uploads\/2024\/09\/Capture-decran-le-2024-09-07-a-10.02.37.jpg?resize=1024%2C685&amp;ssl=1 1024w, https:\/\/i0.wp.com\/itayachtscanada.com\/wp-content\/uploads\/2024\/09\/Capture-decran-le-2024-09-07-a-10.02.37.jpg?resize=768%2C514&amp;ssl=1 768w, https:\/\/i0.wp.com\/itayachtscanada.com\/wp-content\/uploads\/2024\/09\/Capture-decran-le-2024-09-07-a-10.02.37.jpg?resize=1536%2C1028&amp;ssl=1 1536w, https:\/\/i0.wp.com\/itayachtscanada.com\/wp-content\/uploads\/2024\/09\/Capture-decran-le-2024-09-07-a-10.02.37.jpg?resize=700%2C468&amp;ssl=1 700w, https:\/\/i0.wp.com\/itayachtscanada.com\/wp-content\/uploads\/2024\/09\/Capture-decran-le-2024-09-07-a-10.02.37.jpg?resize=900%2C600&amp;ssl=1 900w, https:\/\/i0.wp.com\/itayachtscanada.com\/wp-content\/uploads\/2024\/09\/Capture-decran-le-2024-09-07-a-10.02.37.jpg?resize=598%2C400&amp;ssl=1 598w, https:\/\/i0.wp.com\/itayachtscanada.com\/wp-content\/uploads\/2024\/09\/Capture-decran-le-2024-09-07-a-10.02.37.jpg?w=1400&amp;ssl=1 1400w\" width=\"295\" height=\"198\" loading=\"lazy\" data-original-width=\"295\" data-original-height=\"198\" itemprop=\"http:\/\/schema.org\/image\" title=\"Capture d\u2019e\u0301cran, le 2024-09-07 a\u0300 10.02.37\" alt=\"Capture d\u2019e\u0301cran, le 2024-09-07 a\u0300 10.02.37\" style=\"width: 295px; height: 198px;\" \/> <\/a> <\/div> <div class=\"tiled-gallery-item tiled-gallery-item-large\" itemprop=\"associatedMedia\" itemscope itemtype=\"http:\/\/schema.org\/ImageObject\"> <a href=\"https:\/\/itayachtscanada.com\/fr\/listing\/sirena-68-2022-2950000-usd-for-sale\/capture-decran-le-2024-09-07-a-10-02-28\/\" border=\"0\" itemprop=\"url\"> <meta itemprop=\"width\" content=\"295\"> <meta itemprop=\"height\" content=\"197\"> <img decoding=\"async\" class=\"\" data-attachment-id=\"176412\" data-orig-file=\"https:\/\/itayachtscanada.com\/wp-content\/uploads\/2024\/09\/Capture-decran-le-2024-09-07-a-10.02.28.jpg\" data-orig-size=\"1560,1044\" data-comments-opened=\"1\" data-image-meta=\"{&quot;aperture&quot;:&quot;0&quot;,&quot;credit&quot;:&quot;&quot;,&quot;camera&quot;:&quot;&quot;,&quot;caption&quot;:&quot;&quot;,&quot;created_timestamp&quot;:&quot;0&quot;,&quot;copyright&quot;:&quot;&quot;,&quot;focal_length&quot;:&quot;0&quot;,&quot;iso&quot;:&quot;0&quot;,&quot;shutter_speed&quot;:&quot;0&quot;,&quot;title&quot;:&quot;&quot;,&quot;orientation&quot;:&quot;0&quot;}\" data-image-title=\"Capture d\u2019e\u0301cran, le 2024-09-07 a\u0300 10.02.28\" data-image-description=\"\" data-medium-file=\"https:\/\/i0.wp.com\/itayachtscanada.com\/wp-content\/uploads\/2024\/09\/Capture-decran-le-2024-09-07-a-10.02.28.jpg?fit=300%2C201&#038;ssl=1\" data-large-file=\"https:\/\/i0.wp.com\/itayachtscanada.com\/wp-content\/uploads\/2024\/09\/Capture-decran-le-2024-09-07-a-10.02.28.jpg?fit=700%2C468&#038;ssl=1\" src=\"https:\/\/i0.wp.com\/itayachtscanada.com\/wp-content\/uploads\/2024\/09\/Capture-decran-le-2024-09-07-a-10.02.28.jpg?w=295&#038;h=197&#038;ssl=1\" srcset=\"https:\/\/i0.wp.com\/itayachtscanada.com\/wp-content\/uploads\/2024\/09\/Capture-decran-le-2024-09-07-a-10.02.28.jpg?w=1560&amp;ssl=1 1560w, https:\/\/i0.wp.com\/itayachtscanada.com\/wp-content\/uploads\/2024\/09\/Capture-decran-le-2024-09-07-a-10.02.28.jpg?resize=300%2C201&amp;ssl=1 300w, https:\/\/i0.wp.com\/itayachtscanada.com\/wp-content\/uploads\/2024\/09\/Capture-decran-le-2024-09-07-a-10.02.28.jpg?resize=1024%2C685&amp;ssl=1 1024w, https:\/\/i0.wp.com\/itayachtscanada.com\/wp-content\/uploads\/2024\/09\/Capture-decran-le-2024-09-07-a-10.02.28.jpg?resize=768%2C514&amp;ssl=1 768w, https:\/\/i0.wp.com\/itayachtscanada.com\/wp-content\/uploads\/2024\/09\/Capture-decran-le-2024-09-07-a-10.02.28.jpg?resize=1536%2C1028&amp;ssl=1 1536w, https:\/\/i0.wp.com\/itayachtscanada.com\/wp-content\/uploads\/2024\/09\/Capture-decran-le-2024-09-07-a-10.02.28.jpg?resize=700%2C468&amp;ssl=1 700w, https:\/\/i0.wp.com\/itayachtscanada.com\/wp-content\/uploads\/2024\/09\/Capture-decran-le-2024-09-07-a-10.02.28.jpg?resize=900%2C600&amp;ssl=1 900w, https:\/\/i0.wp.com\/itayachtscanada.com\/wp-content\/uploads\/2024\/09\/Capture-decran-le-2024-09-07-a-10.02.28.jpg?resize=598%2C400&amp;ssl=1 598w, https:\/\/i0.wp.com\/itayachtscanada.com\/wp-content\/uploads\/2024\/09\/Capture-decran-le-2024-09-07-a-10.02.28.jpg?w=1400&amp;ssl=1 1400w\" width=\"295\" height=\"197\" loading=\"lazy\" data-original-width=\"295\" data-original-height=\"197\" itemprop=\"http:\/\/schema.org\/image\" title=\"Capture d\u2019e\u0301cran, le 2024-09-07 a\u0300 10.02.28\" alt=\"Capture d\u2019e\u0301cran, le 2024-09-07 a\u0300 10.02.28\" style=\"width: 295px; height: 197px;\" \/> <\/a> <\/div> <\/div> <!-- close group --> <div class=\"gallery-group images-1\" style=\"width: 401px; height: 605px;\" data-original-width=\"401\" data-original-height=\"605\" > <div class=\"tiled-gallery-item tiled-gallery-item-large\" itemprop=\"associatedMedia\" itemscope itemtype=\"http:\/\/schema.org\/ImageObject\"> <a href=\"https:\/\/itayachtscanada.com\/fr\/listing\/sirena-68-2022-2950000-usd-for-sale\/capture-decran-le-2024-09-07-a-10-02-20\/\" border=\"0\" itemprop=\"url\"> <meta itemprop=\"width\" content=\"397\"> <meta itemprop=\"height\" content=\"601\"> <img decoding=\"async\" class=\"\" data-attachment-id=\"176413\" data-orig-file=\"https:\/\/itayachtscanada.com\/wp-content\/uploads\/2024\/09\/Capture-decran-le-2024-09-07-a-10.02.20.jpg\" data-orig-size=\"690,1044\" data-comments-opened=\"1\" data-image-meta=\"{&quot;aperture&quot;:&quot;0&quot;,&quot;credit&quot;:&quot;&quot;,&quot;camera&quot;:&quot;&quot;,&quot;caption&quot;:&quot;&quot;,&quot;created_timestamp&quot;:&quot;0&quot;,&quot;copyright&quot;:&quot;&quot;,&quot;focal_length&quot;:&quot;0&quot;,&quot;iso&quot;:&quot;0&quot;,&quot;shutter_speed&quot;:&quot;0&quot;,&quot;title&quot;:&quot;&quot;,&quot;orientation&quot;:&quot;0&quot;}\" data-image-title=\"Capture d\u2019e\u0301cran, le 2024-09-07 a\u0300 10.02.20\" data-image-description=\"\" data-medium-file=\"https:\/\/i0.wp.com\/itayachtscanada.com\/wp-content\/uploads\/2024\/09\/Capture-decran-le-2024-09-07-a-10.02.20.jpg?fit=198%2C300&#038;ssl=1\" data-large-file=\"https:\/\/i0.wp.com\/itayachtscanada.com\/wp-content\/uploads\/2024\/09\/Capture-decran-le-2024-09-07-a-10.02.20.jpg?fit=677%2C1024&#038;ssl=1\" src=\"https:\/\/i0.wp.com\/itayachtscanada.com\/wp-content\/uploads\/2024\/09\/Capture-decran-le-2024-09-07-a-10.02.20.jpg?w=397&#038;h=601&#038;ssl=1\" srcset=\"https:\/\/i0.wp.com\/itayachtscanada.com\/wp-content\/uploads\/2024\/09\/Capture-decran-le-2024-09-07-a-10.02.20.jpg?w=690&amp;ssl=1 690w, https:\/\/i0.wp.com\/itayachtscanada.com\/wp-content\/uploads\/2024\/09\/Capture-decran-le-2024-09-07-a-10.02.20.jpg?resize=198%2C300&amp;ssl=1 198w, https:\/\/i0.wp.com\/itayachtscanada.com\/wp-content\/uploads\/2024\/09\/Capture-decran-le-2024-09-07-a-10.02.20.jpg?resize=677%2C1024&amp;ssl=1 677w, https:\/\/i0.wp.com\/itayachtscanada.com\/wp-content\/uploads\/2024\/09\/Capture-decran-le-2024-09-07-a-10.02.20.jpg?resize=264%2C400&amp;ssl=1 264w\" width=\"397\" height=\"601\" loading=\"lazy\" data-original-width=\"397\" data-original-height=\"601\" itemprop=\"http:\/\/schema.org\/image\" title=\"Capture d\u2019e\u0301cran, le 2024-09-07 a\u0300 10.02.20\" alt=\"Capture d\u2019e\u0301cran, le 2024-09-07 a\u0300 10.02.20\" style=\"width: 397px; height: 601px;\" \/> <\/a> <\/div> <\/div> <!-- close group --> <\/div> <!-- close row --> <div class=\"gallery-row\" style=\"width: 700px; height: 604px;\" data-original-width=\"700\" data-original-height=\"604\" > <div class=\"gallery-group images-1\" style=\"width: 400px; height: 604px;\" data-original-width=\"400\" data-original-height=\"604\" > <div class=\"tiled-gallery-item tiled-gallery-item-large\" itemprop=\"associatedMedia\" itemscope itemtype=\"http:\/\/schema.org\/ImageObject\"> <a href=\"https:\/\/itayachtscanada.com\/fr\/listing\/sirena-68-2022-2950000-usd-for-sale\/capture-decran-le-2024-09-07-a-10-02-56\/\" border=\"0\" itemprop=\"url\"> <meta itemprop=\"width\" content=\"396\"> <meta itemprop=\"height\" content=\"600\"> <img decoding=\"async\" class=\"\" data-attachment-id=\"176405\" data-orig-file=\"https:\/\/itayachtscanada.com\/wp-content\/uploads\/2024\/09\/Capture-decran-le-2024-09-07-a-10.02.56.jpg\" data-orig-size=\"690,1044\" data-comments-opened=\"1\" data-image-meta=\"{&quot;aperture&quot;:&quot;0&quot;,&quot;credit&quot;:&quot;&quot;,&quot;camera&quot;:&quot;&quot;,&quot;caption&quot;:&quot;&quot;,&quot;created_timestamp&quot;:&quot;0&quot;,&quot;copyright&quot;:&quot;&quot;,&quot;focal_length&quot;:&quot;0&quot;,&quot;iso&quot;:&quot;0&quot;,&quot;shutter_speed&quot;:&quot;0&quot;,&quot;title&quot;:&quot;&quot;,&quot;orientation&quot;:&quot;0&quot;}\" data-image-title=\"Capture d\u2019e\u0301cran, le 2024-09-07 a\u0300 10.02.56\" data-image-description=\"\" data-medium-file=\"https:\/\/i0.wp.com\/itayachtscanada.com\/wp-content\/uploads\/2024\/09\/Capture-decran-le-2024-09-07-a-10.02.56.jpg?fit=198%2C300&#038;ssl=1\" data-large-file=\"https:\/\/i0.wp.com\/itayachtscanada.com\/wp-content\/uploads\/2024\/09\/Capture-decran-le-2024-09-07-a-10.02.56.jpg?fit=677%2C1024&#038;ssl=1\" src=\"https:\/\/i0.wp.com\/itayachtscanada.com\/wp-content\/uploads\/2024\/09\/Capture-decran-le-2024-09-07-a-10.02.56.jpg?w=396&#038;h=600&#038;ssl=1\" srcset=\"https:\/\/i0.wp.com\/itayachtscanada.com\/wp-content\/uploads\/2024\/09\/Capture-decran-le-2024-09-07-a-10.02.56.jpg?w=690&amp;ssl=1 690w, https:\/\/i0.wp.com\/itayachtscanada.com\/wp-content\/uploads\/2024\/09\/Capture-decran-le-2024-09-07-a-10.02.56.jpg?resize=198%2C300&amp;ssl=1 198w, https:\/\/i0.wp.com\/itayachtscanada.com\/wp-content\/uploads\/2024\/09\/Capture-decran-le-2024-09-07-a-10.02.56.jpg?resize=677%2C1024&amp;ssl=1 677w, https:\/\/i0.wp.com\/itayachtscanada.com\/wp-content\/uploads\/2024\/09\/Capture-decran-le-2024-09-07-a-10.02.56.jpg?resize=264%2C400&amp;ssl=1 264w\" width=\"396\" height=\"600\" loading=\"lazy\" data-original-width=\"396\" data-original-height=\"600\" itemprop=\"http:\/\/schema.org\/image\" title=\"Capture d\u2019e\u0301cran, le 2024-09-07 a\u0300 10.02.56\" alt=\"Capture d\u2019e\u0301cran, le 2024-09-07 a\u0300 10.02.56\" style=\"width: 396px; height: 600px;\" \/> <\/a> <\/div> <\/div> <!-- close group --> <div class=\"gallery-group images-3\" style=\"width: 300px; height: 604px;\" data-original-width=\"300\" data-original-height=\"604\" > <div class=\"tiled-gallery-item tiled-gallery-item-large\" itemprop=\"associatedMedia\" itemscope itemtype=\"http:\/\/schema.org\/ImageObject\"> <a href=\"https:\/\/itayachtscanada.com\/fr\/listing\/sirena-68-2022-2950000-usd-for-sale\/capture-decran-le-2024-09-07-a-10-01-42\/\" border=\"0\" itemprop=\"url\"> <meta itemprop=\"width\" content=\"296\"> <meta itemprop=\"height\" content=\"198\"> <img decoding=\"async\" class=\"\" data-attachment-id=\"176420\" data-orig-file=\"https:\/\/itayachtscanada.com\/wp-content\/uploads\/2024\/09\/Capture-decran-le-2024-09-07-a-10.01.42.jpg\" data-orig-size=\"1566,1044\" data-comments-opened=\"1\" data-image-meta=\"{&quot;aperture&quot;:&quot;0&quot;,&quot;credit&quot;:&quot;&quot;,&quot;camera&quot;:&quot;&quot;,&quot;caption&quot;:&quot;&quot;,&quot;created_timestamp&quot;:&quot;0&quot;,&quot;copyright&quot;:&quot;&quot;,&quot;focal_length&quot;:&quot;0&quot;,&quot;iso&quot;:&quot;0&quot;,&quot;shutter_speed&quot;:&quot;0&quot;,&quot;title&quot;:&quot;&quot;,&quot;orientation&quot;:&quot;0&quot;}\" data-image-title=\"Capture d\u2019e\u0301cran, le 2024-09-07 a\u0300 10.01.42\" data-image-description=\"\" data-medium-file=\"https:\/\/i0.wp.com\/itayachtscanada.com\/wp-content\/uploads\/2024\/09\/Capture-decran-le-2024-09-07-a-10.01.42.jpg?fit=300%2C200&#038;ssl=1\" data-large-file=\"https:\/\/i0.wp.com\/itayachtscanada.com\/wp-content\/uploads\/2024\/09\/Capture-decran-le-2024-09-07-a-10.01.42.jpg?fit=700%2C467&#038;ssl=1\" src=\"https:\/\/i0.wp.com\/itayachtscanada.com\/wp-content\/uploads\/2024\/09\/Capture-decran-le-2024-09-07-a-10.01.42.jpg?w=296&#038;h=198&#038;ssl=1\" srcset=\"https:\/\/i0.wp.com\/itayachtscanada.com\/wp-content\/uploads\/2024\/09\/Capture-decran-le-2024-09-07-a-10.01.42.jpg?w=1566&amp;ssl=1 1566w, https:\/\/i0.wp.com\/itayachtscanada.com\/wp-content\/uploads\/2024\/09\/Capture-decran-le-2024-09-07-a-10.01.42.jpg?resize=300%2C200&amp;ssl=1 300w, https:\/\/i0.wp.com\/itayachtscanada.com\/wp-content\/uploads\/2024\/09\/Capture-decran-le-2024-09-07-a-10.01.42.jpg?resize=1024%2C683&amp;ssl=1 1024w, https:\/\/i0.wp.com\/itayachtscanada.com\/wp-content\/uploads\/2024\/09\/Capture-decran-le-2024-09-07-a-10.01.42.jpg?resize=768%2C512&amp;ssl=1 768w, https:\/\/i0.wp.com\/itayachtscanada.com\/wp-content\/uploads\/2024\/09\/Capture-decran-le-2024-09-07-a-10.01.42.jpg?resize=1536%2C1024&amp;ssl=1 1536w, https:\/\/i0.wp.com\/itayachtscanada.com\/wp-content\/uploads\/2024\/09\/Capture-decran-le-2024-09-07-a-10.01.42.jpg?resize=700%2C467&amp;ssl=1 700w, https:\/\/i0.wp.com\/itayachtscanada.com\/wp-content\/uploads\/2024\/09\/Capture-decran-le-2024-09-07-a-10.01.42.jpg?resize=900%2C600&amp;ssl=1 900w, https:\/\/i0.wp.com\/itayachtscanada.com\/wp-content\/uploads\/2024\/09\/Capture-decran-le-2024-09-07-a-10.01.42.jpg?resize=600%2C400&amp;ssl=1 600w, https:\/\/i0.wp.com\/itayachtscanada.com\/wp-content\/uploads\/2024\/09\/Capture-decran-le-2024-09-07-a-10.01.42.jpg?w=1400&amp;ssl=1 1400w\" width=\"296\" height=\"198\" loading=\"lazy\" data-original-width=\"296\" data-original-height=\"198\" itemprop=\"http:\/\/schema.org\/image\" title=\"Capture d\u2019e\u0301cran, le 2024-09-07 a\u0300 10.01.42\" alt=\"Capture d\u2019e\u0301cran, le 2024-09-07 a\u0300 10.01.42\" style=\"width: 296px; height: 198px;\" \/> <\/a> <\/div> <div class=\"tiled-gallery-item tiled-gallery-item-large\" itemprop=\"associatedMedia\" itemscope itemtype=\"http:\/\/schema.org\/ImageObject\"> <a href=\"https:\/\/itayachtscanada.com\/fr\/listing\/sirena-68-2022-2950000-usd-for-sale\/capture-decran-le-2024-09-07-a-10-01-34\/\" border=\"0\" itemprop=\"url\"> <meta itemprop=\"width\" content=\"296\"> <meta itemprop=\"height\" content=\"197\"> <img decoding=\"async\" class=\"\" data-attachment-id=\"176423\" data-orig-file=\"https:\/\/itayachtscanada.com\/wp-content\/uploads\/2024\/09\/Capture-decran-le-2024-09-07-a-10.01.34.jpg\" data-orig-size=\"1566,1044\" data-comments-opened=\"1\" data-image-meta=\"{&quot;aperture&quot;:&quot;0&quot;,&quot;credit&quot;:&quot;&quot;,&quot;camera&quot;:&quot;&quot;,&quot;caption&quot;:&quot;&quot;,&quot;created_timestamp&quot;:&quot;0&quot;,&quot;copyright&quot;:&quot;&quot;,&quot;focal_length&quot;:&quot;0&quot;,&quot;iso&quot;:&quot;0&quot;,&quot;shutter_speed&quot;:&quot;0&quot;,&quot;title&quot;:&quot;&quot;,&quot;orientation&quot;:&quot;0&quot;}\" data-image-title=\"Capture d\u2019e\u0301cran, le 2024-09-07 a\u0300 10.01.34\" data-image-description=\"\" data-medium-file=\"https:\/\/i0.wp.com\/itayachtscanada.com\/wp-content\/uploads\/2024\/09\/Capture-decran-le-2024-09-07-a-10.01.34.jpg?fit=300%2C200&#038;ssl=1\" data-large-file=\"https:\/\/i0.wp.com\/itayachtscanada.com\/wp-content\/uploads\/2024\/09\/Capture-decran-le-2024-09-07-a-10.01.34.jpg?fit=700%2C467&#038;ssl=1\" src=\"https:\/\/i0.wp.com\/itayachtscanada.com\/wp-content\/uploads\/2024\/09\/Capture-decran-le-2024-09-07-a-10.01.34.jpg?w=296&#038;h=197&#038;ssl=1\" srcset=\"https:\/\/i0.wp.com\/itayachtscanada.com\/wp-content\/uploads\/2024\/09\/Capture-decran-le-2024-09-07-a-10.01.34.jpg?w=1566&amp;ssl=1 1566w, https:\/\/i0.wp.com\/itayachtscanada.com\/wp-content\/uploads\/2024\/09\/Capture-decran-le-2024-09-07-a-10.01.34.jpg?resize=300%2C200&amp;ssl=1 300w, https:\/\/i0.wp.com\/itayachtscanada.com\/wp-content\/uploads\/2024\/09\/Capture-decran-le-2024-09-07-a-10.01.34.jpg?resize=1024%2C683&amp;ssl=1 1024w, https:\/\/i0.wp.com\/itayachtscanada.com\/wp-content\/uploads\/2024\/09\/Capture-decran-le-2024-09-07-a-10.01.34.jpg?resize=768%2C512&amp;ssl=1 768w, https:\/\/i0.wp.com\/itayachtscanada.com\/wp-content\/uploads\/2024\/09\/Capture-decran-le-2024-09-07-a-10.01.34.jpg?resize=1536%2C1024&amp;ssl=1 1536w, https:\/\/i0.wp.com\/itayachtscanada.com\/wp-content\/uploads\/2024\/09\/Capture-decran-le-2024-09-07-a-10.01.34.jpg?resize=700%2C467&amp;ssl=1 700w, https:\/\/i0.wp.com\/itayachtscanada.com\/wp-content\/uploads\/2024\/09\/Capture-decran-le-2024-09-07-a-10.01.34.jpg?resize=900%2C600&amp;ssl=1 900w, https:\/\/i0.wp.com\/itayachtscanada.com\/wp-content\/uploads\/2024\/09\/Capture-decran-le-2024-09-07-a-10.01.34.jpg?resize=600%2C400&amp;ssl=1 600w, https:\/\/i0.wp.com\/itayachtscanada.com\/wp-content\/uploads\/2024\/09\/Capture-decran-le-2024-09-07-a-10.01.34.jpg?w=1400&amp;ssl=1 1400w\" width=\"296\" height=\"197\" loading=\"lazy\" data-original-width=\"296\" data-original-height=\"197\" itemprop=\"http:\/\/schema.org\/image\" title=\"Capture d\u2019e\u0301cran, le 2024-09-07 a\u0300 10.01.34\" alt=\"Capture d\u2019e\u0301cran, le 2024-09-07 a\u0300 10.01.34\" style=\"width: 296px; height: 197px;\" \/> <\/a> <\/div> <div class=\"tiled-gallery-item tiled-gallery-item-large\" itemprop=\"associatedMedia\" itemscope itemtype=\"http:\/\/schema.org\/ImageObject\"> <a href=\"https:\/\/itayachtscanada.com\/fr\/listing\/sirena-68-2022-2950000-usd-for-sale\/capture-decran-le-2024-09-07-a-10-01-31\/\" border=\"0\" itemprop=\"url\"> <meta itemprop=\"width\" content=\"296\"> <meta itemprop=\"height\" content=\"197\"> <img decoding=\"async\" class=\"\" data-attachment-id=\"176424\" data-orig-file=\"https:\/\/itayachtscanada.com\/wp-content\/uploads\/2024\/09\/Capture-decran-le-2024-09-07-a-10.01.31.jpg\" data-orig-size=\"1566,1044\" data-comments-opened=\"1\" data-image-meta=\"{&quot;aperture&quot;:&quot;0&quot;,&quot;credit&quot;:&quot;&quot;,&quot;camera&quot;:&quot;&quot;,&quot;caption&quot;:&quot;&quot;,&quot;created_timestamp&quot;:&quot;0&quot;,&quot;copyright&quot;:&quot;&quot;,&quot;focal_length&quot;:&quot;0&quot;,&quot;iso&quot;:&quot;0&quot;,&quot;shutter_speed&quot;:&quot;0&quot;,&quot;title&quot;:&quot;&quot;,&quot;orientation&quot;:&quot;0&quot;}\" data-image-title=\"Capture d\u2019e\u0301cran, le 2024-09-07 a\u0300 10.01.31\" data-image-description=\"\" data-medium-file=\"https:\/\/i0.wp.com\/itayachtscanada.com\/wp-content\/uploads\/2024\/09\/Capture-decran-le-2024-09-07-a-10.01.31.jpg?fit=300%2C200&#038;ssl=1\" data-large-file=\"https:\/\/i0.wp.com\/itayachtscanada.com\/wp-content\/uploads\/2024\/09\/Capture-decran-le-2024-09-07-a-10.01.31.jpg?fit=700%2C467&#038;ssl=1\" src=\"https:\/\/i0.wp.com\/itayachtscanada.com\/wp-content\/uploads\/2024\/09\/Capture-decran-le-2024-09-07-a-10.01.31.jpg?w=296&#038;h=197&#038;ssl=1\" srcset=\"https:\/\/i0.wp.com\/itayachtscanada.com\/wp-content\/uploads\/2024\/09\/Capture-decran-le-2024-09-07-a-10.01.31.jpg?w=1566&amp;ssl=1 1566w, https:\/\/i0.wp.com\/itayachtscanada.com\/wp-content\/uploads\/2024\/09\/Capture-decran-le-2024-09-07-a-10.01.31.jpg?resize=300%2C200&amp;ssl=1 300w, https:\/\/i0.wp.com\/itayachtscanada.com\/wp-content\/uploads\/2024\/09\/Capture-decran-le-2024-09-07-a-10.01.31.jpg?resize=1024%2C683&amp;ssl=1 1024w, https:\/\/i0.wp.com\/itayachtscanada.com\/wp-content\/uploads\/2024\/09\/Capture-decran-le-2024-09-07-a-10.01.31.jpg?resize=768%2C512&amp;ssl=1 768w, https:\/\/i0.wp.com\/itayachtscanada.com\/wp-content\/uploads\/2024\/09\/Capture-decran-le-2024-09-07-a-10.01.31.jpg?resize=1536%2C1024&amp;ssl=1 1536w, https:\/\/i0.wp.com\/itayachtscanada.com\/wp-content\/uploads\/2024\/09\/Capture-decran-le-2024-09-07-a-10.01.31.jpg?resize=700%2C467&amp;ssl=1 700w, https:\/\/i0.wp.com\/itayachtscanada.com\/wp-content\/uploads\/2024\/09\/Capture-decran-le-2024-09-07-a-10.01.31.jpg?resize=900%2C600&amp;ssl=1 900w, https:\/\/i0.wp.com\/itayachtscanada.com\/wp-content\/uploads\/2024\/09\/Capture-decran-le-2024-09-07-a-10.01.31.jpg?resize=600%2C400&amp;ssl=1 600w, https:\/\/i0.wp.com\/itayachtscanada.com\/wp-content\/uploads\/2024\/09\/Capture-decran-le-2024-09-07-a-10.01.31.jpg?w=1400&amp;ssl=1 1400w\" width=\"296\" height=\"197\" loading=\"lazy\" data-original-width=\"296\" data-original-height=\"197\" itemprop=\"http:\/\/schema.org\/image\" title=\"Capture d\u2019e\u0301cran, le 2024-09-07 a\u0300 10.01.31\" alt=\"Capture d\u2019e\u0301cran, le 2024-09-07 a\u0300 10.01.31\" style=\"width: 296px; height: 197px;\" \/> <\/a> <\/div> <\/div> <!-- close group --> <\/div> <!-- close row --> <div class=\"gallery-row\" style=\"width: 700px; height: 313px;\" data-original-width=\"700\" data-original-height=\"313\" > <div class=\"gallery-group images-1\" style=\"width: 467px; height: 313px;\" data-original-width=\"467\" data-original-height=\"313\" > <div class=\"tiled-gallery-item tiled-gallery-item-large\" itemprop=\"associatedMedia\" itemscope itemtype=\"http:\/\/schema.org\/ImageObject\"> <a href=\"https:\/\/itayachtscanada.com\/fr\/listing\/sirena-68-2022-2950000-usd-for-sale\/capture-decran-le-2024-09-07-a-10-03-15\/\" border=\"0\" itemprop=\"url\"> <meta itemprop=\"width\" content=\"463\"> <meta itemprop=\"height\" content=\"309\"> <img decoding=\"async\" class=\"\" data-attachment-id=\"176402\" data-orig-file=\"https:\/\/itayachtscanada.com\/wp-content\/uploads\/2024\/09\/Capture-decran-le-2024-09-07-a-10.03.15.jpg\" data-orig-size=\"1564,1044\" data-comments-opened=\"1\" data-image-meta=\"{&quot;aperture&quot;:&quot;0&quot;,&quot;credit&quot;:&quot;&quot;,&quot;camera&quot;:&quot;&quot;,&quot;caption&quot;:&quot;&quot;,&quot;created_timestamp&quot;:&quot;0&quot;,&quot;copyright&quot;:&quot;&quot;,&quot;focal_length&quot;:&quot;0&quot;,&quot;iso&quot;:&quot;0&quot;,&quot;shutter_speed&quot;:&quot;0&quot;,&quot;title&quot;:&quot;&quot;,&quot;orientation&quot;:&quot;0&quot;}\" data-image-title=\"Capture d\u2019e\u0301cran, le 2024-09-07 a\u0300 10.03.15\" data-image-description=\"\" data-medium-file=\"https:\/\/i0.wp.com\/itayachtscanada.com\/wp-content\/uploads\/2024\/09\/Capture-decran-le-2024-09-07-a-10.03.15.jpg?fit=300%2C200&#038;ssl=1\" data-large-file=\"https:\/\/i0.wp.com\/itayachtscanada.com\/wp-content\/uploads\/2024\/09\/Capture-decran-le-2024-09-07-a-10.03.15.jpg?fit=700%2C468&#038;ssl=1\" src=\"https:\/\/i0.wp.com\/itayachtscanada.com\/wp-content\/uploads\/2024\/09\/Capture-decran-le-2024-09-07-a-10.03.15.jpg?w=463&#038;h=309&#038;ssl=1\" srcset=\"https:\/\/i0.wp.com\/itayachtscanada.com\/wp-content\/uploads\/2024\/09\/Capture-decran-le-2024-09-07-a-10.03.15.jpg?w=1564&amp;ssl=1 1564w, https:\/\/i0.wp.com\/itayachtscanada.com\/wp-content\/uploads\/2024\/09\/Capture-decran-le-2024-09-07-a-10.03.15.jpg?resize=300%2C200&amp;ssl=1 300w, https:\/\/i0.wp.com\/itayachtscanada.com\/wp-content\/uploads\/2024\/09\/Capture-decran-le-2024-09-07-a-10.03.15.jpg?resize=1024%2C684&amp;ssl=1 1024w, https:\/\/i0.wp.com\/itayachtscanada.com\/wp-content\/uploads\/2024\/09\/Capture-decran-le-2024-09-07-a-10.03.15.jpg?resize=768%2C513&amp;ssl=1 768w, https:\/\/i0.wp.com\/itayachtscanada.com\/wp-content\/uploads\/2024\/09\/Capture-decran-le-2024-09-07-a-10.03.15.jpg?resize=1536%2C1025&amp;ssl=1 1536w, https:\/\/i0.wp.com\/itayachtscanada.com\/wp-content\/uploads\/2024\/09\/Capture-decran-le-2024-09-07-a-10.03.15.jpg?resize=700%2C467&amp;ssl=1 700w, https:\/\/i0.wp.com\/itayachtscanada.com\/wp-content\/uploads\/2024\/09\/Capture-decran-le-2024-09-07-a-10.03.15.jpg?resize=900%2C600&amp;ssl=1 900w, https:\/\/i0.wp.com\/itayachtscanada.com\/wp-content\/uploads\/2024\/09\/Capture-decran-le-2024-09-07-a-10.03.15.jpg?resize=599%2C400&amp;ssl=1 599w, https:\/\/i0.wp.com\/itayachtscanada.com\/wp-content\/uploads\/2024\/09\/Capture-decran-le-2024-09-07-a-10.03.15.jpg?w=1400&amp;ssl=1 1400w\" width=\"463\" height=\"309\" loading=\"lazy\" data-original-width=\"463\" data-original-height=\"309\" itemprop=\"http:\/\/schema.org\/image\" title=\"Capture d\u2019e\u0301cran, le 2024-09-07 a\u0300 10.03.15\" alt=\"Capture d\u2019e\u0301cran, le 2024-09-07 a\u0300 10.03.15\" style=\"width: 463px; height: 309px;\" \/> <\/a> <\/div> <\/div> <!-- close group --> <div class=\"gallery-group images-2\" style=\"width: 233px; height: 313px;\" data-original-width=\"233\" data-original-height=\"313\" > <div class=\"tiled-gallery-item tiled-gallery-item-small\" itemprop=\"associatedMedia\" itemscope itemtype=\"http:\/\/schema.org\/ImageObject\"> <a href=\"https:\/\/itayachtscanada.com\/fr\/listing\/sirena-68-2022-2950000-usd-for-sale\/capture-decran-le-2024-09-07-a-10-03-12\/\" border=\"0\" itemprop=\"url\"> <meta itemprop=\"width\" content=\"229\"> <meta itemprop=\"height\" content=\"153\"> <img decoding=\"async\" class=\"\" data-attachment-id=\"176403\" data-orig-file=\"https:\/\/itayachtscanada.com\/wp-content\/uploads\/2024\/09\/Capture-decran-le-2024-09-07-a-10.03.12.jpg\" data-orig-size=\"1564,1044\" data-comments-opened=\"1\" data-image-meta=\"{&quot;aperture&quot;:&quot;0&quot;,&quot;credit&quot;:&quot;&quot;,&quot;camera&quot;:&quot;&quot;,&quot;caption&quot;:&quot;&quot;,&quot;created_timestamp&quot;:&quot;0&quot;,&quot;copyright&quot;:&quot;&quot;,&quot;focal_length&quot;:&quot;0&quot;,&quot;iso&quot;:&quot;0&quot;,&quot;shutter_speed&quot;:&quot;0&quot;,&quot;title&quot;:&quot;&quot;,&quot;orientation&quot;:&quot;0&quot;}\" data-image-title=\"Capture d\u2019e\u0301cran, le 2024-09-07 a\u0300 10.03.12\" data-image-description=\"\" data-medium-file=\"https:\/\/i0.wp.com\/itayachtscanada.com\/wp-content\/uploads\/2024\/09\/Capture-decran-le-2024-09-07-a-10.03.12.jpg?fit=300%2C200&#038;ssl=1\" data-large-file=\"https:\/\/i0.wp.com\/itayachtscanada.com\/wp-content\/uploads\/2024\/09\/Capture-decran-le-2024-09-07-a-10.03.12.jpg?fit=700%2C468&#038;ssl=1\" src=\"https:\/\/i0.wp.com\/itayachtscanada.com\/wp-content\/uploads\/2024\/09\/Capture-decran-le-2024-09-07-a-10.03.12.jpg?w=229&#038;h=153&#038;ssl=1\" srcset=\"https:\/\/i0.wp.com\/itayachtscanada.com\/wp-content\/uploads\/2024\/09\/Capture-decran-le-2024-09-07-a-10.03.12.jpg?w=1564&amp;ssl=1 1564w, https:\/\/i0.wp.com\/itayachtscanada.com\/wp-content\/uploads\/2024\/09\/Capture-decran-le-2024-09-07-a-10.03.12.jpg?resize=300%2C200&amp;ssl=1 300w, https:\/\/i0.wp.com\/itayachtscanada.com\/wp-content\/uploads\/2024\/09\/Capture-decran-le-2024-09-07-a-10.03.12.jpg?resize=1024%2C684&amp;ssl=1 1024w, https:\/\/i0.wp.com\/itayachtscanada.com\/wp-content\/uploads\/2024\/09\/Capture-decran-le-2024-09-07-a-10.03.12.jpg?resize=768%2C513&amp;ssl=1 768w, https:\/\/i0.wp.com\/itayachtscanada.com\/wp-content\/uploads\/2024\/09\/Capture-decran-le-2024-09-07-a-10.03.12.jpg?resize=1536%2C1025&amp;ssl=1 1536w, https:\/\/i0.wp.com\/itayachtscanada.com\/wp-content\/uploads\/2024\/09\/Capture-decran-le-2024-09-07-a-10.03.12.jpg?resize=700%2C467&amp;ssl=1 700w, https:\/\/i0.wp.com\/itayachtscanada.com\/wp-content\/uploads\/2024\/09\/Capture-decran-le-2024-09-07-a-10.03.12.jpg?resize=900%2C600&amp;ssl=1 900w, https:\/\/i0.wp.com\/itayachtscanada.com\/wp-content\/uploads\/2024\/09\/Capture-decran-le-2024-09-07-a-10.03.12.jpg?resize=599%2C400&amp;ssl=1 599w, https:\/\/i0.wp.com\/itayachtscanada.com\/wp-content\/uploads\/2024\/09\/Capture-decran-le-2024-09-07-a-10.03.12.jpg?w=1400&amp;ssl=1 1400w\" width=\"229\" height=\"153\" loading=\"lazy\" data-original-width=\"229\" data-original-height=\"153\" itemprop=\"http:\/\/schema.org\/image\" title=\"Capture d\u2019e\u0301cran, le 2024-09-07 a\u0300 10.03.12\" alt=\"Capture d\u2019e\u0301cran, le 2024-09-07 a\u0300 10.03.12\" style=\"width: 229px; height: 153px;\" \/> <\/a> <\/div> <div class=\"tiled-gallery-item tiled-gallery-item-small\" itemprop=\"associatedMedia\" itemscope itemtype=\"http:\/\/schema.org\/ImageObject\"> <a href=\"https:\/\/itayachtscanada.com\/fr\/listing\/sirena-68-2022-2950000-usd-for-sale\/capture-decran-le-2024-09-07-a-10-03-04\/\" border=\"0\" itemprop=\"url\"> <meta itemprop=\"width\" content=\"229\"> <meta itemprop=\"height\" content=\"152\"> <img decoding=\"async\" class=\"\" data-attachment-id=\"176404\" data-orig-file=\"https:\/\/itayachtscanada.com\/wp-content\/uploads\/2024\/09\/Capture-decran-le-2024-09-07-a-10.03.04.jpg\" data-orig-size=\"1564,1044\" data-comments-opened=\"1\" data-image-meta=\"{&quot;aperture&quot;:&quot;0&quot;,&quot;credit&quot;:&quot;&quot;,&quot;camera&quot;:&quot;&quot;,&quot;caption&quot;:&quot;&quot;,&quot;created_timestamp&quot;:&quot;0&quot;,&quot;copyright&quot;:&quot;&quot;,&quot;focal_length&quot;:&quot;0&quot;,&quot;iso&quot;:&quot;0&quot;,&quot;shutter_speed&quot;:&quot;0&quot;,&quot;title&quot;:&quot;&quot;,&quot;orientation&quot;:&quot;0&quot;}\" data-image-title=\"Capture d\u2019e\u0301cran, le 2024-09-07 a\u0300 10.03.04\" data-image-description=\"\" data-medium-file=\"https:\/\/i0.wp.com\/itayachtscanada.com\/wp-content\/uploads\/2024\/09\/Capture-decran-le-2024-09-07-a-10.03.04.jpg?fit=300%2C200&#038;ssl=1\" data-large-file=\"https:\/\/i0.wp.com\/itayachtscanada.com\/wp-content\/uploads\/2024\/09\/Capture-decran-le-2024-09-07-a-10.03.04.jpg?fit=700%2C468&#038;ssl=1\" src=\"https:\/\/i0.wp.com\/itayachtscanada.com\/wp-content\/uploads\/2024\/09\/Capture-decran-le-2024-09-07-a-10.03.04.jpg?w=229&#038;h=152&#038;ssl=1\" srcset=\"https:\/\/i0.wp.com\/itayachtscanada.com\/wp-content\/uploads\/2024\/09\/Capture-decran-le-2024-09-07-a-10.03.04.jpg?w=1564&amp;ssl=1 1564w, https:\/\/i0.wp.com\/itayachtscanada.com\/wp-content\/uploads\/2024\/09\/Capture-decran-le-2024-09-07-a-10.03.04.jpg?resize=300%2C200&amp;ssl=1 300w, https:\/\/i0.wp.com\/itayachtscanada.com\/wp-content\/uploads\/2024\/09\/Capture-decran-le-2024-09-07-a-10.03.04.jpg?resize=1024%2C684&amp;ssl=1 1024w, https:\/\/i0.wp.com\/itayachtscanada.com\/wp-content\/uploads\/2024\/09\/Capture-decran-le-2024-09-07-a-10.03.04.jpg?resize=768%2C513&amp;ssl=1 768w, https:\/\/i0.wp.com\/itayachtscanada.com\/wp-content\/uploads\/2024\/09\/Capture-decran-le-2024-09-07-a-10.03.04.jpg?resize=1536%2C1025&amp;ssl=1 1536w, https:\/\/i0.wp.com\/itayachtscanada.com\/wp-content\/uploads\/2024\/09\/Capture-decran-le-2024-09-07-a-10.03.04.jpg?resize=700%2C467&amp;ssl=1 700w, https:\/\/i0.wp.com\/itayachtscanada.com\/wp-content\/uploads\/2024\/09\/Capture-decran-le-2024-09-07-a-10.03.04.jpg?resize=900%2C600&amp;ssl=1 900w, https:\/\/i0.wp.com\/itayachtscanada.com\/wp-content\/uploads\/2024\/09\/Capture-decran-le-2024-09-07-a-10.03.04.jpg?resize=599%2C400&amp;ssl=1 599w, https:\/\/i0.wp.com\/itayachtscanada.com\/wp-content\/uploads\/2024\/09\/Capture-decran-le-2024-09-07-a-10.03.04.jpg?w=1400&amp;ssl=1 1400w\" width=\"229\" height=\"152\" loading=\"lazy\" data-original-width=\"229\" data-original-height=\"152\" itemprop=\"http:\/\/schema.org\/image\" title=\"Capture d\u2019e\u0301cran, le 2024-09-07 a\u0300 10.03.04\" alt=\"Capture d\u2019e\u0301cran, le 2024-09-07 a\u0300 10.03.04\" style=\"width: 229px; height: 152px;\" \/> <\/a> <\/div> <\/div> <!-- close group --> <\/div> <!-- close row --> <div class=\"gallery-row\" style=\"width: 700px; height: 313px;\" data-original-width=\"700\" data-original-height=\"313\" > <div class=\"gallery-group images-2\" style=\"width: 233px; height: 313px;\" data-original-width=\"233\" data-original-height=\"313\" > <div class=\"tiled-gallery-item tiled-gallery-item-small\" itemprop=\"associatedMedia\" itemscope itemtype=\"http:\/\/schema.org\/ImageObject\"> <a href=\"https:\/\/itayachtscanada.com\/fr\/listing\/sirena-68-2022-2950000-usd-for-sale\/capture-decran-le-2024-09-07-a-10-03-18\/\" border=\"0\" itemprop=\"url\"> <meta itemprop=\"width\" content=\"229\"> <meta itemprop=\"height\" content=\"153\"> <img decoding=\"async\" class=\"\" data-attachment-id=\"176401\" data-orig-file=\"https:\/\/itayachtscanada.com\/wp-content\/uploads\/2024\/09\/Capture-decran-le-2024-09-07-a-10.03.18.jpg\" data-orig-size=\"1564,1044\" data-comments-opened=\"1\" data-image-meta=\"{&quot;aperture&quot;:&quot;0&quot;,&quot;credit&quot;:&quot;&quot;,&quot;camera&quot;:&quot;&quot;,&quot;caption&quot;:&quot;&quot;,&quot;created_timestamp&quot;:&quot;0&quot;,&quot;copyright&quot;:&quot;&quot;,&quot;focal_length&quot;:&quot;0&quot;,&quot;iso&quot;:&quot;0&quot;,&quot;shutter_speed&quot;:&quot;0&quot;,&quot;title&quot;:&quot;&quot;,&quot;orientation&quot;:&quot;0&quot;}\" data-image-title=\"Capture d\u2019e\u0301cran, le 2024-09-07 a\u0300 10.03.18\" data-image-description=\"\" data-medium-file=\"https:\/\/i0.wp.com\/itayachtscanada.com\/wp-content\/uploads\/2024\/09\/Capture-decran-le-2024-09-07-a-10.03.18.jpg?fit=300%2C200&#038;ssl=1\" data-large-file=\"https:\/\/i0.wp.com\/itayachtscanada.com\/wp-content\/uploads\/2024\/09\/Capture-decran-le-2024-09-07-a-10.03.18.jpg?fit=700%2C468&#038;ssl=1\" src=\"https:\/\/i0.wp.com\/itayachtscanada.com\/wp-content\/uploads\/2024\/09\/Capture-decran-le-2024-09-07-a-10.03.18.jpg?w=229&#038;h=153&#038;ssl=1\" srcset=\"https:\/\/i0.wp.com\/itayachtscanada.com\/wp-content\/uploads\/2024\/09\/Capture-decran-le-2024-09-07-a-10.03.18.jpg?w=1564&amp;ssl=1 1564w, https:\/\/i0.wp.com\/itayachtscanada.com\/wp-content\/uploads\/2024\/09\/Capture-decran-le-2024-09-07-a-10.03.18.jpg?resize=300%2C200&amp;ssl=1 300w, https:\/\/i0.wp.com\/itayachtscanada.com\/wp-content\/uploads\/2024\/09\/Capture-decran-le-2024-09-07-a-10.03.18.jpg?resize=1024%2C684&amp;ssl=1 1024w, https:\/\/i0.wp.com\/itayachtscanada.com\/wp-content\/uploads\/2024\/09\/Capture-decran-le-2024-09-07-a-10.03.18.jpg?resize=768%2C513&amp;ssl=1 768w, https:\/\/i0.wp.com\/itayachtscanada.com\/wp-content\/uploads\/2024\/09\/Capture-decran-le-2024-09-07-a-10.03.18.jpg?resize=1536%2C1025&amp;ssl=1 1536w, https:\/\/i0.wp.com\/itayachtscanada.com\/wp-content\/uploads\/2024\/09\/Capture-decran-le-2024-09-07-a-10.03.18.jpg?resize=700%2C467&amp;ssl=1 700w, https:\/\/i0.wp.com\/itayachtscanada.com\/wp-content\/uploads\/2024\/09\/Capture-decran-le-2024-09-07-a-10.03.18.jpg?resize=900%2C600&amp;ssl=1 900w, https:\/\/i0.wp.com\/itayachtscanada.com\/wp-content\/uploads\/2024\/09\/Capture-decran-le-2024-09-07-a-10.03.18.jpg?resize=599%2C400&amp;ssl=1 599w, https:\/\/i0.wp.com\/itayachtscanada.com\/wp-content\/uploads\/2024\/09\/Capture-decran-le-2024-09-07-a-10.03.18.jpg?w=1400&amp;ssl=1 1400w\" width=\"229\" height=\"153\" loading=\"lazy\" data-original-width=\"229\" data-original-height=\"153\" itemprop=\"http:\/\/schema.org\/image\" title=\"Capture d\u2019e\u0301cran, le 2024-09-07 a\u0300 10.03.18\" alt=\"Capture d\u2019e\u0301cran, le 2024-09-07 a\u0300 10.03.18\" style=\"width: 229px; height: 153px;\" \/> <\/a> <\/div> <div class=\"tiled-gallery-item tiled-gallery-item-small\" itemprop=\"associatedMedia\" itemscope itemtype=\"http:\/\/schema.org\/ImageObject\"> <a href=\"https:\/\/itayachtscanada.com\/fr\/listing\/sirena-68-2022-2950000-usd-for-sale\/capture-decran-le-2024-09-07-a-10-02-16\/\" border=\"0\" itemprop=\"url\"> <meta itemprop=\"width\" content=\"229\"> <meta itemprop=\"height\" content=\"152\"> <img decoding=\"async\" class=\"\" data-attachment-id=\"176414\" data-orig-file=\"https:\/\/itayachtscanada.com\/wp-content\/uploads\/2024\/09\/Capture-decran-le-2024-09-07-a-10.02.16.jpg\" data-orig-size=\"1566,1044\" data-comments-opened=\"1\" data-image-meta=\"{&quot;aperture&quot;:&quot;0&quot;,&quot;credit&quot;:&quot;&quot;,&quot;camera&quot;:&quot;&quot;,&quot;caption&quot;:&quot;&quot;,&quot;created_timestamp&quot;:&quot;0&quot;,&quot;copyright&quot;:&quot;&quot;,&quot;focal_length&quot;:&quot;0&quot;,&quot;iso&quot;:&quot;0&quot;,&quot;shutter_speed&quot;:&quot;0&quot;,&quot;title&quot;:&quot;&quot;,&quot;orientation&quot;:&quot;0&quot;}\" data-image-title=\"Capture d\u2019e\u0301cran, le 2024-09-07 a\u0300 10.02.16\" data-image-description=\"\" data-medium-file=\"https:\/\/i0.wp.com\/itayachtscanada.com\/wp-content\/uploads\/2024\/09\/Capture-decran-le-2024-09-07-a-10.02.16.jpg?fit=300%2C200&#038;ssl=1\" data-large-file=\"https:\/\/i0.wp.com\/itayachtscanada.com\/wp-content\/uploads\/2024\/09\/Capture-decran-le-2024-09-07-a-10.02.16.jpg?fit=700%2C467&#038;ssl=1\" src=\"https:\/\/i0.wp.com\/itayachtscanada.com\/wp-content\/uploads\/2024\/09\/Capture-decran-le-2024-09-07-a-10.02.16.jpg?w=229&#038;h=152&#038;ssl=1\" srcset=\"https:\/\/i0.wp.com\/itayachtscanada.com\/wp-content\/uploads\/2024\/09\/Capture-decran-le-2024-09-07-a-10.02.16.jpg?w=1566&amp;ssl=1 1566w, https:\/\/i0.wp.com\/itayachtscanada.com\/wp-content\/uploads\/2024\/09\/Capture-decran-le-2024-09-07-a-10.02.16.jpg?resize=300%2C200&amp;ssl=1 300w, https:\/\/i0.wp.com\/itayachtscanada.com\/wp-content\/uploads\/2024\/09\/Capture-decran-le-2024-09-07-a-10.02.16.jpg?resize=1024%2C683&amp;ssl=1 1024w, https:\/\/i0.wp.com\/itayachtscanada.com\/wp-content\/uploads\/2024\/09\/Capture-decran-le-2024-09-07-a-10.02.16.jpg?resize=768%2C512&amp;ssl=1 768w, https:\/\/i0.wp.com\/itayachtscanada.com\/wp-content\/uploads\/2024\/09\/Capture-decran-le-2024-09-07-a-10.02.16.jpg?resize=1536%2C1024&amp;ssl=1 1536w, https:\/\/i0.wp.com\/itayachtscanada.com\/wp-content\/uploads\/2024\/09\/Capture-decran-le-2024-09-07-a-10.02.16.jpg?resize=700%2C467&amp;ssl=1 700w, https:\/\/i0.wp.com\/itayachtscanada.com\/wp-content\/uploads\/2024\/09\/Capture-decran-le-2024-09-07-a-10.02.16.jpg?resize=900%2C600&amp;ssl=1 900w, https:\/\/i0.wp.com\/itayachtscanada.com\/wp-content\/uploads\/2024\/09\/Capture-decran-le-2024-09-07-a-10.02.16.jpg?resize=600%2C400&amp;ssl=1 600w, https:\/\/i0.wp.com\/itayachtscanada.com\/wp-content\/uploads\/2024\/09\/Capture-decran-le-2024-09-07-a-10.02.16.jpg?w=1400&amp;ssl=1 1400w\" width=\"229\" height=\"152\" loading=\"lazy\" data-original-width=\"229\" data-original-height=\"152\" itemprop=\"http:\/\/schema.org\/image\" title=\"Capture d\u2019e\u0301cran, le 2024-09-07 a\u0300 10.02.16\" alt=\"Capture d\u2019e\u0301cran, le 2024-09-07 a\u0300 10.02.16\" style=\"width: 229px; height: 152px;\" \/> <\/a> <\/div> <\/div> <!-- close group --> <div class=\"gallery-group images-1\" style=\"width: 467px; height: 313px;\" data-original-width=\"467\" data-original-height=\"313\" > <div class=\"tiled-gallery-item tiled-gallery-item-large\" itemprop=\"associatedMedia\" itemscope itemtype=\"http:\/\/schema.org\/ImageObject\"> <a href=\"https:\/\/itayachtscanada.com\/fr\/listing\/sirena-68-2022-2950000-usd-for-sale\/capture-decran-le-2024-09-07-a-10-02-10\/\" border=\"0\" itemprop=\"url\"> <meta itemprop=\"width\" content=\"463\"> <meta itemprop=\"height\" content=\"309\"> <img decoding=\"async\" class=\"\" data-attachment-id=\"176416\" data-orig-file=\"https:\/\/itayachtscanada.com\/wp-content\/uploads\/2024\/09\/Capture-decran-le-2024-09-07-a-10.02.10.jpg\" data-orig-size=\"1566,1044\" data-comments-opened=\"1\" data-image-meta=\"{&quot;aperture&quot;:&quot;0&quot;,&quot;credit&quot;:&quot;&quot;,&quot;camera&quot;:&quot;&quot;,&quot;caption&quot;:&quot;&quot;,&quot;created_timestamp&quot;:&quot;0&quot;,&quot;copyright&quot;:&quot;&quot;,&quot;focal_length&quot;:&quot;0&quot;,&quot;iso&quot;:&quot;0&quot;,&quot;shutter_speed&quot;:&quot;0&quot;,&quot;title&quot;:&quot;&quot;,&quot;orientation&quot;:&quot;0&quot;}\" data-image-title=\"Capture d\u2019e\u0301cran, le 2024-09-07 a\u0300 10.02.10\" data-image-description=\"\" data-medium-file=\"https:\/\/i0.wp.com\/itayachtscanada.com\/wp-content\/uploads\/2024\/09\/Capture-decran-le-2024-09-07-a-10.02.10.jpg?fit=300%2C200&#038;ssl=1\" data-large-file=\"https:\/\/i0.wp.com\/itayachtscanada.com\/wp-content\/uploads\/2024\/09\/Capture-decran-le-2024-09-07-a-10.02.10.jpg?fit=700%2C467&#038;ssl=1\" src=\"https:\/\/i0.wp.com\/itayachtscanada.com\/wp-content\/uploads\/2024\/09\/Capture-decran-le-2024-09-07-a-10.02.10.jpg?w=463&#038;h=309&#038;ssl=1\" srcset=\"https:\/\/i0.wp.com\/itayachtscanada.com\/wp-content\/uploads\/2024\/09\/Capture-decran-le-2024-09-07-a-10.02.10.jpg?w=1566&amp;ssl=1 1566w, https:\/\/i0.wp.com\/itayachtscanada.com\/wp-content\/uploads\/2024\/09\/Capture-decran-le-2024-09-07-a-10.02.10.jpg?resize=300%2C200&amp;ssl=1 300w, https:\/\/i0.wp.com\/itayachtscanada.com\/wp-content\/uploads\/2024\/09\/Capture-decran-le-2024-09-07-a-10.02.10.jpg?resize=1024%2C683&amp;ssl=1 1024w, https:\/\/i0.wp.com\/itayachtscanada.com\/wp-content\/uploads\/2024\/09\/Capture-decran-le-2024-09-07-a-10.02.10.jpg?resize=768%2C512&amp;ssl=1 768w, https:\/\/i0.wp.com\/itayachtscanada.com\/wp-content\/uploads\/2024\/09\/Capture-decran-le-2024-09-07-a-10.02.10.jpg?resize=1536%2C1024&amp;ssl=1 1536w, https:\/\/i0.wp.com\/itayachtscanada.com\/wp-content\/uploads\/2024\/09\/Capture-decran-le-2024-09-07-a-10.02.10.jpg?resize=700%2C467&amp;ssl=1 700w, https:\/\/i0.wp.com\/itayachtscanada.com\/wp-content\/uploads\/2024\/09\/Capture-decran-le-2024-09-07-a-10.02.10.jpg?resize=900%2C600&amp;ssl=1 900w, https:\/\/i0.wp.com\/itayachtscanada.com\/wp-content\/uploads\/2024\/09\/Capture-decran-le-2024-09-07-a-10.02.10.jpg?resize=600%2C400&amp;ssl=1 600w, https:\/\/i0.wp.com\/itayachtscanada.com\/wp-content\/uploads\/2024\/09\/Capture-decran-le-2024-09-07-a-10.02.10.jpg?w=1400&amp;ssl=1 1400w\" width=\"463\" height=\"309\" loading=\"lazy\" data-original-width=\"463\" data-original-height=\"309\" itemprop=\"http:\/\/schema.org\/image\" title=\"Capture d\u2019e\u0301cran, le 2024-09-07 a\u0300 10.02.10\" alt=\"Capture d\u2019e\u0301cran, le 2024-09-07 a\u0300 10.02.10\" style=\"width: 463px; height: 309px;\" \/> <\/a> <\/div> <\/div> <!-- close group --> <\/div> <!-- close row --> <div class=\"gallery-row\" style=\"width: 700px; height: 157px;\" data-original-width=\"700\" data-original-height=\"157\" > <div class=\"gallery-group images-1\" style=\"width: 234px; height: 157px;\" data-original-width=\"234\" data-original-height=\"157\" > <div class=\"tiled-gallery-item tiled-gallery-item-small\" itemprop=\"associatedMedia\" itemscope itemtype=\"http:\/\/schema.org\/ImageObject\"> <a href=\"https:\/\/itayachtscanada.com\/fr\/listing\/sirena-68-2022-2950000-usd-for-sale\/capture-decran-le-2024-09-07-a-10-01-57\/\" border=\"0\" itemprop=\"url\"> <meta itemprop=\"width\" content=\"230\"> <meta itemprop=\"height\" content=\"153\"> <img decoding=\"async\" class=\"\" data-attachment-id=\"176417\" data-orig-file=\"https:\/\/itayachtscanada.com\/wp-content\/uploads\/2024\/09\/Capture-decran-le-2024-09-07-a-10.01.57.jpg\" data-orig-size=\"1566,1044\" data-comments-opened=\"1\" data-image-meta=\"{&quot;aperture&quot;:&quot;0&quot;,&quot;credit&quot;:&quot;&quot;,&quot;camera&quot;:&quot;&quot;,&quot;caption&quot;:&quot;&quot;,&quot;created_timestamp&quot;:&quot;0&quot;,&quot;copyright&quot;:&quot;&quot;,&quot;focal_length&quot;:&quot;0&quot;,&quot;iso&quot;:&quot;0&quot;,&quot;shutter_speed&quot;:&quot;0&quot;,&quot;title&quot;:&quot;&quot;,&quot;orientation&quot;:&quot;0&quot;}\" data-image-title=\"Capture d\u2019e\u0301cran, le 2024-09-07 a\u0300 10.01.57\" data-image-description=\"\" data-medium-file=\"https:\/\/i0.wp.com\/itayachtscanada.com\/wp-content\/uploads\/2024\/09\/Capture-decran-le-2024-09-07-a-10.01.57.jpg?fit=300%2C200&#038;ssl=1\" data-large-file=\"https:\/\/i0.wp.com\/itayachtscanada.com\/wp-content\/uploads\/2024\/09\/Capture-decran-le-2024-09-07-a-10.01.57.jpg?fit=700%2C467&#038;ssl=1\" src=\"https:\/\/i0.wp.com\/itayachtscanada.com\/wp-content\/uploads\/2024\/09\/Capture-decran-le-2024-09-07-a-10.01.57.jpg?w=230&#038;h=153&#038;ssl=1\" srcset=\"https:\/\/i0.wp.com\/itayachtscanada.com\/wp-content\/uploads\/2024\/09\/Capture-decran-le-2024-09-07-a-10.01.57.jpg?w=1566&amp;ssl=1 1566w, https:\/\/i0.wp.com\/itayachtscanada.com\/wp-content\/uploads\/2024\/09\/Capture-decran-le-2024-09-07-a-10.01.57.jpg?resize=300%2C200&amp;ssl=1 300w, https:\/\/i0.wp.com\/itayachtscanada.com\/wp-content\/uploads\/2024\/09\/Capture-decran-le-2024-09-07-a-10.01.57.jpg?resize=1024%2C683&amp;ssl=1 1024w, https:\/\/i0.wp.com\/itayachtscanada.com\/wp-content\/uploads\/2024\/09\/Capture-decran-le-2024-09-07-a-10.01.57.jpg?resize=768%2C512&amp;ssl=1 768w, https:\/\/i0.wp.com\/itayachtscanada.com\/wp-content\/uploads\/2024\/09\/Capture-decran-le-2024-09-07-a-10.01.57.jpg?resize=1536%2C1024&amp;ssl=1 1536w, https:\/\/i0.wp.com\/itayachtscanada.com\/wp-content\/uploads\/2024\/09\/Capture-decran-le-2024-09-07-a-10.01.57.jpg?resize=700%2C467&amp;ssl=1 700w, https:\/\/i0.wp.com\/itayachtscanada.com\/wp-content\/uploads\/2024\/09\/Capture-decran-le-2024-09-07-a-10.01.57.jpg?resize=900%2C600&amp;ssl=1 900w, https:\/\/i0.wp.com\/itayachtscanada.com\/wp-content\/uploads\/2024\/09\/Capture-decran-le-2024-09-07-a-10.01.57.jpg?resize=600%2C400&amp;ssl=1 600w, https:\/\/i0.wp.com\/itayachtscanada.com\/wp-content\/uploads\/2024\/09\/Capture-decran-le-2024-09-07-a-10.01.57.jpg?w=1400&amp;ssl=1 1400w\" width=\"230\" height=\"153\" loading=\"lazy\" data-original-width=\"230\" data-original-height=\"153\" itemprop=\"http:\/\/schema.org\/image\" title=\"Capture d\u2019e\u0301cran, le 2024-09-07 a\u0300 10.01.57\" alt=\"Capture d\u2019e\u0301cran, le 2024-09-07 a\u0300 10.01.57\" style=\"width: 230px; height: 153px;\" \/> <\/a> <\/div> <\/div> <!-- close group --> <div class=\"gallery-group images-1\" style=\"width: 233px; height: 157px;\" data-original-width=\"233\" data-original-height=\"157\" > <div class=\"tiled-gallery-item tiled-gallery-item-small\" itemprop=\"associatedMedia\" itemscope itemtype=\"http:\/\/schema.org\/ImageObject\"> <a href=\"https:\/\/itayachtscanada.com\/fr\/listing\/sirena-68-2022-2950000-usd-for-sale\/capture-decran-le-2024-09-07-a-10-01-53\/\" border=\"0\" itemprop=\"url\"> <meta itemprop=\"width\" content=\"229\"> <meta itemprop=\"height\" content=\"153\"> <img decoding=\"async\" class=\"\" data-attachment-id=\"176418\" data-orig-file=\"https:\/\/itayachtscanada.com\/wp-content\/uploads\/2024\/09\/Capture-decran-le-2024-09-07-a-10.01.53.jpg\" data-orig-size=\"1566,1044\" data-comments-opened=\"1\" data-image-meta=\"{&quot;aperture&quot;:&quot;0&quot;,&quot;credit&quot;:&quot;&quot;,&quot;camera&quot;:&quot;&quot;,&quot;caption&quot;:&quot;&quot;,&quot;created_timestamp&quot;:&quot;0&quot;,&quot;copyright&quot;:&quot;&quot;,&quot;focal_length&quot;:&quot;0&quot;,&quot;iso&quot;:&quot;0&quot;,&quot;shutter_speed&quot;:&quot;0&quot;,&quot;title&quot;:&quot;&quot;,&quot;orientation&quot;:&quot;0&quot;}\" data-image-title=\"Capture d\u2019e\u0301cran, le 2024-09-07 a\u0300 10.01.53\" data-image-description=\"\" data-medium-file=\"https:\/\/i0.wp.com\/itayachtscanada.com\/wp-content\/uploads\/2024\/09\/Capture-decran-le-2024-09-07-a-10.01.53.jpg?fit=300%2C200&#038;ssl=1\" data-large-file=\"https:\/\/i0.wp.com\/itayachtscanada.com\/wp-content\/uploads\/2024\/09\/Capture-decran-le-2024-09-07-a-10.01.53.jpg?fit=700%2C467&#038;ssl=1\" src=\"https:\/\/i0.wp.com\/itayachtscanada.com\/wp-content\/uploads\/2024\/09\/Capture-decran-le-2024-09-07-a-10.01.53.jpg?w=229&#038;h=153&#038;ssl=1\" srcset=\"https:\/\/i0.wp.com\/itayachtscanada.com\/wp-content\/uploads\/2024\/09\/Capture-decran-le-2024-09-07-a-10.01.53.jpg?w=1566&amp;ssl=1 1566w, https:\/\/i0.wp.com\/itayachtscanada.com\/wp-content\/uploads\/2024\/09\/Capture-decran-le-2024-09-07-a-10.01.53.jpg?resize=300%2C200&amp;ssl=1 300w, https:\/\/i0.wp.com\/itayachtscanada.com\/wp-content\/uploads\/2024\/09\/Capture-decran-le-2024-09-07-a-10.01.53.jpg?resize=1024%2C683&amp;ssl=1 1024w, https:\/\/i0.wp.com\/itayachtscanada.com\/wp-content\/uploads\/2024\/09\/Capture-decran-le-2024-09-07-a-10.01.53.jpg?resize=768%2C512&amp;ssl=1 768w, https:\/\/i0.wp.com\/itayachtscanada.com\/wp-content\/uploads\/2024\/09\/Capture-decran-le-2024-09-07-a-10.01.53.jpg?resize=1536%2C1024&amp;ssl=1 1536w, https:\/\/i0.wp.com\/itayachtscanada.com\/wp-content\/uploads\/2024\/09\/Capture-decran-le-2024-09-07-a-10.01.53.jpg?resize=700%2C467&amp;ssl=1 700w, https:\/\/i0.wp.com\/itayachtscanada.com\/wp-content\/uploads\/2024\/09\/Capture-decran-le-2024-09-07-a-10.01.53.jpg?resize=900%2C600&amp;ssl=1 900w, https:\/\/i0.wp.com\/itayachtscanada.com\/wp-content\/uploads\/2024\/09\/Capture-decran-le-2024-09-07-a-10.01.53.jpg?resize=600%2C400&amp;ssl=1 600w, https:\/\/i0.wp.com\/itayachtscanada.com\/wp-content\/uploads\/2024\/09\/Capture-decran-le-2024-09-07-a-10.01.53.jpg?w=1400&amp;ssl=1 1400w\" width=\"229\" height=\"153\" loading=\"lazy\" data-original-width=\"229\" data-original-height=\"153\" itemprop=\"http:\/\/schema.org\/image\" title=\"Capture d\u2019e\u0301cran, le 2024-09-07 a\u0300 10.01.53\" alt=\"Capture d\u2019e\u0301cran, le 2024-09-07 a\u0300 10.01.53\" style=\"width: 229px; height: 153px;\" \/> <\/a> <\/div> <\/div> <!-- close group --> <div class=\"gallery-group images-1\" style=\"width: 233px; height: 157px;\" data-original-width=\"233\" data-original-height=\"157\" > <div class=\"tiled-gallery-item tiled-gallery-item-small\" itemprop=\"associatedMedia\" itemscope itemtype=\"http:\/\/schema.org\/ImageObject\"> <a href=\"https:\/\/itayachtscanada.com\/fr\/listing\/sirena-68-2022-2950000-usd-for-sale\/capture-decran-le-2024-09-07-a-10-01-46\/\" border=\"0\" itemprop=\"url\"> <meta itemprop=\"width\" content=\"229\"> <meta itemprop=\"height\" content=\"153\"> <img decoding=\"async\" class=\"\" data-attachment-id=\"176419\" data-orig-file=\"https:\/\/itayachtscanada.com\/wp-content\/uploads\/2024\/09\/Capture-decran-le-2024-09-07-a-10.01.46.jpg\" data-orig-size=\"1566,1044\" data-comments-opened=\"1\" data-image-meta=\"{&quot;aperture&quot;:&quot;0&quot;,&quot;credit&quot;:&quot;&quot;,&quot;camera&quot;:&quot;&quot;,&quot;caption&quot;:&quot;&quot;,&quot;created_timestamp&quot;:&quot;0&quot;,&quot;copyright&quot;:&quot;&quot;,&quot;focal_length&quot;:&quot;0&quot;,&quot;iso&quot;:&quot;0&quot;,&quot;shutter_speed&quot;:&quot;0&quot;,&quot;title&quot;:&quot;&quot;,&quot;orientation&quot;:&quot;0&quot;}\" data-image-title=\"Capture d\u2019e\u0301cran, le 2024-09-07 a\u0300 10.01.46\" data-image-description=\"\" data-medium-file=\"https:\/\/i0.wp.com\/itayachtscanada.com\/wp-content\/uploads\/2024\/09\/Capture-decran-le-2024-09-07-a-10.01.46.jpg?fit=300%2C200&#038;ssl=1\" data-large-file=\"https:\/\/i0.wp.com\/itayachtscanada.com\/wp-content\/uploads\/2024\/09\/Capture-decran-le-2024-09-07-a-10.01.46.jpg?fit=700%2C467&#038;ssl=1\" src=\"https:\/\/i0.wp.com\/itayachtscanada.com\/wp-content\/uploads\/2024\/09\/Capture-decran-le-2024-09-07-a-10.01.46.jpg?w=229&#038;h=153&#038;ssl=1\" srcset=\"https:\/\/i0.wp.com\/itayachtscanada.com\/wp-content\/uploads\/2024\/09\/Capture-decran-le-2024-09-07-a-10.01.46.jpg?w=1566&amp;ssl=1 1566w, https:\/\/i0.wp.com\/itayachtscanada.com\/wp-content\/uploads\/2024\/09\/Capture-decran-le-2024-09-07-a-10.01.46.jpg?resize=300%2C200&amp;ssl=1 300w, https:\/\/i0.wp.com\/itayachtscanada.com\/wp-content\/uploads\/2024\/09\/Capture-decran-le-2024-09-07-a-10.01.46.jpg?resize=1024%2C683&amp;ssl=1 1024w, https:\/\/i0.wp.com\/itayachtscanada.com\/wp-content\/uploads\/2024\/09\/Capture-decran-le-2024-09-07-a-10.01.46.jpg?resize=768%2C512&amp;ssl=1 768w, https:\/\/i0.wp.com\/itayachtscanada.com\/wp-content\/uploads\/2024\/09\/Capture-decran-le-2024-09-07-a-10.01.46.jpg?resize=1536%2C1024&amp;ssl=1 1536w, https:\/\/i0.wp.com\/itayachtscanada.com\/wp-content\/uploads\/2024\/09\/Capture-decran-le-2024-09-07-a-10.01.46.jpg?resize=700%2C467&amp;ssl=1 700w, https:\/\/i0.wp.com\/itayachtscanada.com\/wp-content\/uploads\/2024\/09\/Capture-decran-le-2024-09-07-a-10.01.46.jpg?resize=900%2C600&amp;ssl=1 900w, https:\/\/i0.wp.com\/itayachtscanada.com\/wp-content\/uploads\/2024\/09\/Capture-decran-le-2024-09-07-a-10.01.46.jpg?resize=600%2C400&amp;ssl=1 600w, https:\/\/i0.wp.com\/itayachtscanada.com\/wp-content\/uploads\/2024\/09\/Capture-decran-le-2024-09-07-a-10.01.46.jpg?w=1400&amp;ssl=1 1400w\" width=\"229\" height=\"153\" loading=\"lazy\" data-original-width=\"229\" data-original-height=\"153\" itemprop=\"http:\/\/schema.org\/image\" title=\"Capture d\u2019e\u0301cran, le 2024-09-07 a\u0300 10.01.46\" alt=\"Capture d\u2019e\u0301cran, le 2024-09-07 a\u0300 10.01.46\" style=\"width: 229px; height: 153px;\" \/> <\/a> <\/div> <\/div> <!-- close group --> <\/div> <!-- close row --> <div class=\"gallery-row\" style=\"width: 700px; height: 607px;\" data-original-width=\"700\" data-original-height=\"607\" > <div class=\"gallery-group images-3\" style=\"width: 301px; height: 607px;\" data-original-width=\"301\" data-original-height=\"607\" > <div class=\"tiled-gallery-item tiled-gallery-item-large\" itemprop=\"associatedMedia\" itemscope itemtype=\"http:\/\/schema.org\/ImageObject\"> <a href=\"https:\/\/itayachtscanada.com\/fr\/listing\/sirena-68-2022-2950000-usd-for-sale\/capture-decran-le-2024-09-07-a-10-01-37\/\" border=\"0\" itemprop=\"url\"> <meta itemprop=\"width\" content=\"297\"> <meta itemprop=\"height\" content=\"199\"> <img decoding=\"async\" class=\"\" data-attachment-id=\"176422\" data-orig-file=\"https:\/\/itayachtscanada.com\/wp-content\/uploads\/2024\/09\/Capture-decran-le-2024-09-07-a-10.01.37.jpg\" data-orig-size=\"1566,1044\" data-comments-opened=\"1\" data-image-meta=\"{&quot;aperture&quot;:&quot;0&quot;,&quot;credit&quot;:&quot;&quot;,&quot;camera&quot;:&quot;&quot;,&quot;caption&quot;:&quot;&quot;,&quot;created_timestamp&quot;:&quot;0&quot;,&quot;copyright&quot;:&quot;&quot;,&quot;focal_length&quot;:&quot;0&quot;,&quot;iso&quot;:&quot;0&quot;,&quot;shutter_speed&quot;:&quot;0&quot;,&quot;title&quot;:&quot;&quot;,&quot;orientation&quot;:&quot;0&quot;}\" data-image-title=\"Capture d\u2019e\u0301cran, le 2024-09-07 a\u0300 10.01.37\" data-image-description=\"\" data-medium-file=\"https:\/\/i0.wp.com\/itayachtscanada.com\/wp-content\/uploads\/2024\/09\/Capture-decran-le-2024-09-07-a-10.01.37.jpg?fit=300%2C200&#038;ssl=1\" data-large-file=\"https:\/\/i0.wp.com\/itayachtscanada.com\/wp-content\/uploads\/2024\/09\/Capture-decran-le-2024-09-07-a-10.01.37.jpg?fit=700%2C467&#038;ssl=1\" src=\"https:\/\/i0.wp.com\/itayachtscanada.com\/wp-content\/uploads\/2024\/09\/Capture-decran-le-2024-09-07-a-10.01.37.jpg?w=297&#038;h=199&#038;ssl=1\" srcset=\"https:\/\/i0.wp.com\/itayachtscanada.com\/wp-content\/uploads\/2024\/09\/Capture-decran-le-2024-09-07-a-10.01.37.jpg?w=1566&amp;ssl=1 1566w, https:\/\/i0.wp.com\/itayachtscanada.com\/wp-content\/uploads\/2024\/09\/Capture-decran-le-2024-09-07-a-10.01.37.jpg?resize=300%2C200&amp;ssl=1 300w, https:\/\/i0.wp.com\/itayachtscanada.com\/wp-content\/uploads\/2024\/09\/Capture-decran-le-2024-09-07-a-10.01.37.jpg?resize=1024%2C683&amp;ssl=1 1024w, https:\/\/i0.wp.com\/itayachtscanada.com\/wp-content\/uploads\/2024\/09\/Capture-decran-le-2024-09-07-a-10.01.37.jpg?resize=768%2C512&amp;ssl=1 768w, https:\/\/i0.wp.com\/itayachtscanada.com\/wp-content\/uploads\/2024\/09\/Capture-decran-le-2024-09-07-a-10.01.37.jpg?resize=1536%2C1024&amp;ssl=1 1536w, https:\/\/i0.wp.com\/itayachtscanada.com\/wp-content\/uploads\/2024\/09\/Capture-decran-le-2024-09-07-a-10.01.37.jpg?resize=700%2C467&amp;ssl=1 700w, https:\/\/i0.wp.com\/itayachtscanada.com\/wp-content\/uploads\/2024\/09\/Capture-decran-le-2024-09-07-a-10.01.37.jpg?resize=900%2C600&amp;ssl=1 900w, https:\/\/i0.wp.com\/itayachtscanada.com\/wp-content\/uploads\/2024\/09\/Capture-decran-le-2024-09-07-a-10.01.37.jpg?resize=600%2C400&amp;ssl=1 600w, https:\/\/i0.wp.com\/itayachtscanada.com\/wp-content\/uploads\/2024\/09\/Capture-decran-le-2024-09-07-a-10.01.37.jpg?w=1400&amp;ssl=1 1400w\" width=\"297\" height=\"199\" loading=\"lazy\" data-original-width=\"297\" data-original-height=\"199\" itemprop=\"http:\/\/schema.org\/image\" title=\"Capture d\u2019e\u0301cran, le 2024-09-07 a\u0300 10.01.37\" alt=\"Capture d\u2019e\u0301cran, le 2024-09-07 a\u0300 10.01.37\" style=\"width: 297px; height: 199px;\" \/> <\/a> <\/div> <div class=\"tiled-gallery-item tiled-gallery-item-large\" itemprop=\"associatedMedia\" itemscope itemtype=\"http:\/\/schema.org\/ImageObject\"> <a href=\"https:\/\/itayachtscanada.com\/fr\/listing\/sirena-68-2022-2950000-usd-for-sale\/capture-decran-le-2024-09-07-a-10-01-27\/\" border=\"0\" itemprop=\"url\"> <meta itemprop=\"width\" content=\"297\"> <meta itemprop=\"height\" content=\"198\"> <img decoding=\"async\" class=\"\" data-attachment-id=\"176425\" data-orig-file=\"https:\/\/itayachtscanada.com\/wp-content\/uploads\/2024\/09\/Capture-decran-le-2024-09-07-a-10.01.27.jpg\" data-orig-size=\"1566,1044\" data-comments-opened=\"1\" data-image-meta=\"{&quot;aperture&quot;:&quot;0&quot;,&quot;credit&quot;:&quot;&quot;,&quot;camera&quot;:&quot;&quot;,&quot;caption&quot;:&quot;&quot;,&quot;created_timestamp&quot;:&quot;0&quot;,&quot;copyright&quot;:&quot;&quot;,&quot;focal_length&quot;:&quot;0&quot;,&quot;iso&quot;:&quot;0&quot;,&quot;shutter_speed&quot;:&quot;0&quot;,&quot;title&quot;:&quot;&quot;,&quot;orientation&quot;:&quot;0&quot;}\" data-image-title=\"Capture d\u2019e\u0301cran, le 2024-09-07 a\u0300 10.01.27\" data-image-description=\"\" data-medium-file=\"https:\/\/i0.wp.com\/itayachtscanada.com\/wp-content\/uploads\/2024\/09\/Capture-decran-le-2024-09-07-a-10.01.27.jpg?fit=300%2C200&#038;ssl=1\" data-large-file=\"https:\/\/i0.wp.com\/itayachtscanada.com\/wp-content\/uploads\/2024\/09\/Capture-decran-le-2024-09-07-a-10.01.27.jpg?fit=700%2C467&#038;ssl=1\" src=\"https:\/\/i0.wp.com\/itayachtscanada.com\/wp-content\/uploads\/2024\/09\/Capture-decran-le-2024-09-07-a-10.01.27.jpg?w=297&#038;h=198&#038;ssl=1\" srcset=\"https:\/\/i0.wp.com\/itayachtscanada.com\/wp-content\/uploads\/2024\/09\/Capture-decran-le-2024-09-07-a-10.01.27.jpg?w=1566&amp;ssl=1 1566w, https:\/\/i0.wp.com\/itayachtscanada.com\/wp-content\/uploads\/2024\/09\/Capture-decran-le-2024-09-07-a-10.01.27.jpg?resize=300%2C200&amp;ssl=1 300w, https:\/\/i0.wp.com\/itayachtscanada.com\/wp-content\/uploads\/2024\/09\/Capture-decran-le-2024-09-07-a-10.01.27.jpg?resize=1024%2C683&amp;ssl=1 1024w, https:\/\/i0.wp.com\/itayachtscanada.com\/wp-content\/uploads\/2024\/09\/Capture-decran-le-2024-09-07-a-10.01.27.jpg?resize=768%2C512&amp;ssl=1 768w, https:\/\/i0.wp.com\/itayachtscanada.com\/wp-content\/uploads\/2024\/09\/Capture-decran-le-2024-09-07-a-10.01.27.jpg?resize=1536%2C1024&amp;ssl=1 1536w, https:\/\/i0.wp.com\/itayachtscanada.com\/wp-content\/uploads\/2024\/09\/Capture-decran-le-2024-09-07-a-10.01.27.jpg?resize=700%2C467&amp;ssl=1 700w, https:\/\/i0.wp.com\/itayachtscanada.com\/wp-content\/uploads\/2024\/09\/Capture-decran-le-2024-09-07-a-10.01.27.jpg?resize=900%2C600&amp;ssl=1 900w, https:\/\/i0.wp.com\/itayachtscanada.com\/wp-content\/uploads\/2024\/09\/Capture-decran-le-2024-09-07-a-10.01.27.jpg?resize=600%2C400&amp;ssl=1 600w, https:\/\/i0.wp.com\/itayachtscanada.com\/wp-content\/uploads\/2024\/09\/Capture-decran-le-2024-09-07-a-10.01.27.jpg?w=1400&amp;ssl=1 1400w\" width=\"297\" height=\"198\" loading=\"lazy\" data-original-width=\"297\" data-original-height=\"198\" itemprop=\"http:\/\/schema.org\/image\" title=\"Capture d\u2019e\u0301cran, le 2024-09-07 a\u0300 10.01.27\" alt=\"Capture d\u2019e\u0301cran, le 2024-09-07 a\u0300 10.01.27\" style=\"width: 297px; height: 198px;\" \/> <\/a> <\/div> <div class=\"tiled-gallery-item tiled-gallery-item-large\" itemprop=\"associatedMedia\" itemscope itemtype=\"http:\/\/schema.org\/ImageObject\"> <a href=\"https:\/\/itayachtscanada.com\/fr\/listing\/sirena-68-2022-2950000-usd-for-sale\/capture-decran-le-2024-09-07-a-10-01-08\/\" border=\"0\" itemprop=\"url\"> <meta itemprop=\"width\" content=\"297\"> <meta itemprop=\"height\" content=\"198\"> <img decoding=\"async\" class=\"\" data-attachment-id=\"176428\" data-orig-file=\"https:\/\/itayachtscanada.com\/wp-content\/uploads\/2024\/09\/Capture-decran-le-2024-09-07-a-10.01.08.jpg\" data-orig-size=\"1566,1044\" data-comments-opened=\"1\" data-image-meta=\"{&quot;aperture&quot;:&quot;0&quot;,&quot;credit&quot;:&quot;&quot;,&quot;camera&quot;:&quot;&quot;,&quot;caption&quot;:&quot;&quot;,&quot;created_timestamp&quot;:&quot;0&quot;,&quot;copyright&quot;:&quot;&quot;,&quot;focal_length&quot;:&quot;0&quot;,&quot;iso&quot;:&quot;0&quot;,&quot;shutter_speed&quot;:&quot;0&quot;,&quot;title&quot;:&quot;&quot;,&quot;orientation&quot;:&quot;0&quot;}\" data-image-title=\"Capture d\u2019e\u0301cran, le 2024-09-07 a\u0300 10.01.08\" data-image-description=\"\" data-medium-file=\"https:\/\/i0.wp.com\/itayachtscanada.com\/wp-content\/uploads\/2024\/09\/Capture-decran-le-2024-09-07-a-10.01.08.jpg?fit=300%2C200&#038;ssl=1\" data-large-file=\"https:\/\/i0.wp.com\/itayachtscanada.com\/wp-content\/uploads\/2024\/09\/Capture-decran-le-2024-09-07-a-10.01.08.jpg?fit=700%2C467&#038;ssl=1\" src=\"https:\/\/i0.wp.com\/itayachtscanada.com\/wp-content\/uploads\/2024\/09\/Capture-decran-le-2024-09-07-a-10.01.08.jpg?w=297&#038;h=198&#038;ssl=1\" srcset=\"https:\/\/i0.wp.com\/itayachtscanada.com\/wp-content\/uploads\/2024\/09\/Capture-decran-le-2024-09-07-a-10.01.08.jpg?w=1566&amp;ssl=1 1566w, https:\/\/i0.wp.com\/itayachtscanada.com\/wp-content\/uploads\/2024\/09\/Capture-decran-le-2024-09-07-a-10.01.08.jpg?resize=300%2C200&amp;ssl=1 300w, https:\/\/i0.wp.com\/itayachtscanada.com\/wp-content\/uploads\/2024\/09\/Capture-decran-le-2024-09-07-a-10.01.08.jpg?resize=1024%2C683&amp;ssl=1 1024w, https:\/\/i0.wp.com\/itayachtscanada.com\/wp-content\/uploads\/2024\/09\/Capture-decran-le-2024-09-07-a-10.01.08.jpg?resize=768%2C512&amp;ssl=1 768w, https:\/\/i0.wp.com\/itayachtscanada.com\/wp-content\/uploads\/2024\/09\/Capture-decran-le-2024-09-07-a-10.01.08.jpg?resize=1536%2C1024&amp;ssl=1 1536w, https:\/\/i0.wp.com\/itayachtscanada.com\/wp-content\/uploads\/2024\/09\/Capture-decran-le-2024-09-07-a-10.01.08.jpg?resize=700%2C467&amp;ssl=1 700w, https:\/\/i0.wp.com\/itayachtscanada.com\/wp-content\/uploads\/2024\/09\/Capture-decran-le-2024-09-07-a-10.01.08.jpg?resize=900%2C600&amp;ssl=1 900w, https:\/\/i0.wp.com\/itayachtscanada.com\/wp-content\/uploads\/2024\/09\/Capture-decran-le-2024-09-07-a-10.01.08.jpg?resize=600%2C400&amp;ssl=1 600w, https:\/\/i0.wp.com\/itayachtscanada.com\/wp-content\/uploads\/2024\/09\/Capture-decran-le-2024-09-07-a-10.01.08.jpg?w=1400&amp;ssl=1 1400w\" width=\"297\" height=\"198\" loading=\"lazy\" data-original-width=\"297\" data-original-height=\"198\" itemprop=\"http:\/\/schema.org\/image\" title=\"Capture d\u2019e\u0301cran, le 2024-09-07 a\u0300 10.01.08\" alt=\"Capture d\u2019e\u0301cran, le 2024-09-07 a\u0300 10.01.08\" style=\"width: 297px; height: 198px;\" \/> <\/a> <\/div> <\/div> <!-- close group --> <div class=\"gallery-group images-1\" style=\"width: 399px; height: 607px;\" data-original-width=\"399\" data-original-height=\"607\" > <div class=\"tiled-gallery-item tiled-gallery-item-large\" itemprop=\"associatedMedia\" itemscope itemtype=\"http:\/\/schema.org\/ImageObject\"> <a href=\"https:\/\/itayachtscanada.com\/fr\/listing\/sirena-68-2022-2950000-usd-for-sale\/capture-decran-le-2024-09-07-a-10-03-20\/\" border=\"0\" itemprop=\"url\"> <meta itemprop=\"width\" content=\"395\"> <meta itemprop=\"height\" content=\"603\"> <img decoding=\"async\" class=\"\" data-attachment-id=\"176400\" data-orig-file=\"https:\/\/itayachtscanada.com\/wp-content\/uploads\/2024\/09\/Capture-decran-le-2024-09-07-a-10.03.20.jpg\" data-orig-size=\"684,1044\" data-comments-opened=\"1\" data-image-meta=\"{&quot;aperture&quot;:&quot;0&quot;,&quot;credit&quot;:&quot;&quot;,&quot;camera&quot;:&quot;&quot;,&quot;caption&quot;:&quot;&quot;,&quot;created_timestamp&quot;:&quot;0&quot;,&quot;copyright&quot;:&quot;&quot;,&quot;focal_length&quot;:&quot;0&quot;,&quot;iso&quot;:&quot;0&quot;,&quot;shutter_speed&quot;:&quot;0&quot;,&quot;title&quot;:&quot;&quot;,&quot;orientation&quot;:&quot;0&quot;}\" data-image-title=\"Capture d\u2019e\u0301cran, le 2024-09-07 a\u0300 10.03.20\" data-image-description=\"\" data-medium-file=\"https:\/\/i0.wp.com\/itayachtscanada.com\/wp-content\/uploads\/2024\/09\/Capture-decran-le-2024-09-07-a-10.03.20.jpg?fit=197%2C300&#038;ssl=1\" data-large-file=\"https:\/\/i0.wp.com\/itayachtscanada.com\/wp-content\/uploads\/2024\/09\/Capture-decran-le-2024-09-07-a-10.03.20.jpg?fit=671%2C1024&#038;ssl=1\" src=\"https:\/\/i0.wp.com\/itayachtscanada.com\/wp-content\/uploads\/2024\/09\/Capture-decran-le-2024-09-07-a-10.03.20.jpg?w=395&#038;h=603&#038;ssl=1\" srcset=\"https:\/\/i0.wp.com\/itayachtscanada.com\/wp-content\/uploads\/2024\/09\/Capture-decran-le-2024-09-07-a-10.03.20.jpg?w=684&amp;ssl=1 684w, https:\/\/i0.wp.com\/itayachtscanada.com\/wp-content\/uploads\/2024\/09\/Capture-decran-le-2024-09-07-a-10.03.20.jpg?resize=197%2C300&amp;ssl=1 197w, https:\/\/i0.wp.com\/itayachtscanada.com\/wp-content\/uploads\/2024\/09\/Capture-decran-le-2024-09-07-a-10.03.20.jpg?resize=671%2C1024&amp;ssl=1 671w, https:\/\/i0.wp.com\/itayachtscanada.com\/wp-content\/uploads\/2024\/09\/Capture-decran-le-2024-09-07-a-10.03.20.jpg?resize=262%2C400&amp;ssl=1 262w\" width=\"395\" height=\"603\" loading=\"lazy\" data-original-width=\"395\" data-original-height=\"603\" itemprop=\"http:\/\/schema.org\/image\" title=\"Capture d\u2019e\u0301cran, le 2024-09-07 a\u0300 10.03.20\" alt=\"Capture d\u2019e\u0301cran, le 2024-09-07 a\u0300 10.03.20\" style=\"width: 395px; height: 603px;\" \/> <\/a> <\/div> <\/div> <!-- close group --> <\/div> <!-- close row --> <div class=\"gallery-row\" style=\"width: 700px; height: 319px;\" data-original-width=\"700\" data-original-height=\"319\" > <div class=\"gallery-group images-1\" style=\"width: 477px; height: 319px;\" data-original-width=\"477\" data-original-height=\"319\" > <div class=\"tiled-gallery-item tiled-gallery-item-large\" itemprop=\"associatedMedia\" itemscope itemtype=\"http:\/\/schema.org\/ImageObject\"> <a href=\"https:\/\/itayachtscanada.com\/fr\/listing\/sirena-68-2022-2950000-usd-for-sale\/capture-decran-le-2024-09-07-a-10-00-50\/\" border=\"0\" itemprop=\"url\"> <meta itemprop=\"width\" content=\"473\"> <meta itemprop=\"height\" content=\"315\"> <img decoding=\"async\" class=\"\" data-attachment-id=\"176432\" data-orig-file=\"https:\/\/itayachtscanada.com\/wp-content\/uploads\/2024\/09\/Capture-decran-le-2024-09-07-a-10.00.50.jpg\" data-orig-size=\"1566,1044\" data-comments-opened=\"1\" data-image-meta=\"{&quot;aperture&quot;:&quot;0&quot;,&quot;credit&quot;:&quot;&quot;,&quot;camera&quot;:&quot;&quot;,&quot;caption&quot;:&quot;&quot;,&quot;created_timestamp&quot;:&quot;0&quot;,&quot;copyright&quot;:&quot;&quot;,&quot;focal_length&quot;:&quot;0&quot;,&quot;iso&quot;:&quot;0&quot;,&quot;shutter_speed&quot;:&quot;0&quot;,&quot;title&quot;:&quot;&quot;,&quot;orientation&quot;:&quot;0&quot;}\" data-image-title=\"Capture d\u2019e\u0301cran, le 2024-09-07 a\u0300 10.00.50\" data-image-description=\"\" data-medium-file=\"https:\/\/i0.wp.com\/itayachtscanada.com\/wp-content\/uploads\/2024\/09\/Capture-decran-le-2024-09-07-a-10.00.50.jpg?fit=300%2C200&#038;ssl=1\" data-large-file=\"https:\/\/i0.wp.com\/itayachtscanada.com\/wp-content\/uploads\/2024\/09\/Capture-decran-le-2024-09-07-a-10.00.50.jpg?fit=700%2C467&#038;ssl=1\" src=\"https:\/\/i0.wp.com\/itayachtscanada.com\/wp-content\/uploads\/2024\/09\/Capture-decran-le-2024-09-07-a-10.00.50.jpg?w=473&#038;h=315&#038;ssl=1\" srcset=\"https:\/\/i0.wp.com\/itayachtscanada.com\/wp-content\/uploads\/2024\/09\/Capture-decran-le-2024-09-07-a-10.00.50.jpg?w=1566&amp;ssl=1 1566w, https:\/\/i0.wp.com\/itayachtscanada.com\/wp-content\/uploads\/2024\/09\/Capture-decran-le-2024-09-07-a-10.00.50.jpg?resize=300%2C200&amp;ssl=1 300w, https:\/\/i0.wp.com\/itayachtscanada.com\/wp-content\/uploads\/2024\/09\/Capture-decran-le-2024-09-07-a-10.00.50.jpg?resize=1024%2C683&amp;ssl=1 1024w, https:\/\/i0.wp.com\/itayachtscanada.com\/wp-content\/uploads\/2024\/09\/Capture-decran-le-2024-09-07-a-10.00.50.jpg?resize=768%2C512&amp;ssl=1 768w, https:\/\/i0.wp.com\/itayachtscanada.com\/wp-content\/uploads\/2024\/09\/Capture-decran-le-2024-09-07-a-10.00.50.jpg?resize=1536%2C1024&amp;ssl=1 1536w, https:\/\/i0.wp.com\/itayachtscanada.com\/wp-content\/uploads\/2024\/09\/Capture-decran-le-2024-09-07-a-10.00.50.jpg?resize=700%2C467&amp;ssl=1 700w, https:\/\/i0.wp.com\/itayachtscanada.com\/wp-content\/uploads\/2024\/09\/Capture-decran-le-2024-09-07-a-10.00.50.jpg?resize=900%2C600&amp;ssl=1 900w, https:\/\/i0.wp.com\/itayachtscanada.com\/wp-content\/uploads\/2024\/09\/Capture-decran-le-2024-09-07-a-10.00.50.jpg?resize=600%2C400&amp;ssl=1 600w, https:\/\/i0.wp.com\/itayachtscanada.com\/wp-content\/uploads\/2024\/09\/Capture-decran-le-2024-09-07-a-10.00.50.jpg?w=1400&amp;ssl=1 1400w\" width=\"473\" height=\"315\" loading=\"lazy\" data-original-width=\"473\" data-original-height=\"315\" itemprop=\"http:\/\/schema.org\/image\" title=\"Capture d\u2019e\u0301cran, le 2024-09-07 a\u0300 10.00.50\" alt=\"Capture d\u2019e\u0301cran, le 2024-09-07 a\u0300 10.00.50\" style=\"width: 473px; height: 315px;\" \/> <\/a> <\/div> <\/div> <!-- close group --> <div class=\"gallery-group images-1\" style=\"width: 223px; height: 319px;\" data-original-width=\"223\" data-original-height=\"319\" > <div class=\"tiled-gallery-item tiled-gallery-item-small\" itemprop=\"associatedMedia\" itemscope itemtype=\"http:\/\/schema.org\/ImageObject\"> <a href=\"https:\/\/itayachtscanada.com\/fr\/listing\/sirena-68-2022-2950000-usd-for-sale\/capture-decran-le-2024-09-07-a-10-00-41\/\" border=\"0\" itemprop=\"url\"> <meta itemprop=\"width\" content=\"219\"> <meta itemprop=\"height\" content=\"315\"> <img decoding=\"async\" class=\"\" data-attachment-id=\"176433\" data-orig-file=\"https:\/\/itayachtscanada.com\/wp-content\/uploads\/2024\/09\/Capture-decran-le-2024-09-07-a-10.00.41.jpg\" data-orig-size=\"726,1044\" data-comments-opened=\"1\" data-image-meta=\"{&quot;aperture&quot;:&quot;0&quot;,&quot;credit&quot;:&quot;&quot;,&quot;camera&quot;:&quot;&quot;,&quot;caption&quot;:&quot;&quot;,&quot;created_timestamp&quot;:&quot;0&quot;,&quot;copyright&quot;:&quot;&quot;,&quot;focal_length&quot;:&quot;0&quot;,&quot;iso&quot;:&quot;0&quot;,&quot;shutter_speed&quot;:&quot;0&quot;,&quot;title&quot;:&quot;&quot;,&quot;orientation&quot;:&quot;0&quot;}\" data-image-title=\"Capture d\u2019e\u0301cran, le 2024-09-07 a\u0300 10.00.41\" data-image-description=\"\" data-medium-file=\"https:\/\/i0.wp.com\/itayachtscanada.com\/wp-content\/uploads\/2024\/09\/Capture-decran-le-2024-09-07-a-10.00.41.jpg?fit=209%2C300&#038;ssl=1\" data-large-file=\"https:\/\/i0.wp.com\/itayachtscanada.com\/wp-content\/uploads\/2024\/09\/Capture-decran-le-2024-09-07-a-10.00.41.jpg?fit=700%2C1007&#038;ssl=1\" src=\"https:\/\/i0.wp.com\/itayachtscanada.com\/wp-content\/uploads\/2024\/09\/Capture-decran-le-2024-09-07-a-10.00.41.jpg?w=219&#038;h=315&#038;ssl=1\" srcset=\"https:\/\/i0.wp.com\/itayachtscanada.com\/wp-content\/uploads\/2024\/09\/Capture-decran-le-2024-09-07-a-10.00.41.jpg?w=726&amp;ssl=1 726w, https:\/\/i0.wp.com\/itayachtscanada.com\/wp-content\/uploads\/2024\/09\/Capture-decran-le-2024-09-07-a-10.00.41.jpg?resize=209%2C300&amp;ssl=1 209w, https:\/\/i0.wp.com\/itayachtscanada.com\/wp-content\/uploads\/2024\/09\/Capture-decran-le-2024-09-07-a-10.00.41.jpg?resize=712%2C1024&amp;ssl=1 712w, https:\/\/i0.wp.com\/itayachtscanada.com\/wp-content\/uploads\/2024\/09\/Capture-decran-le-2024-09-07-a-10.00.41.jpg?resize=700%2C1007&amp;ssl=1 700w, https:\/\/i0.wp.com\/itayachtscanada.com\/wp-content\/uploads\/2024\/09\/Capture-decran-le-2024-09-07-a-10.00.41.jpg?resize=278%2C400&amp;ssl=1 278w\" width=\"219\" height=\"315\" loading=\"lazy\" data-original-width=\"219\" data-original-height=\"315\" itemprop=\"http:\/\/schema.org\/image\" title=\"Capture d\u2019e\u0301cran, le 2024-09-07 a\u0300 10.00.41\" alt=\"Capture d\u2019e\u0301cran, le 2024-09-07 a\u0300 10.00.41\" style=\"width: 219px; height: 315px;\" \/> <\/a> <\/div> <\/div> <!-- close group --> <\/div> <!-- close row --> <div class=\"gallery-row\" style=\"width: 700px; height: 314px;\" data-original-width=\"700\" data-original-height=\"314\" > <div class=\"gallery-group images-1\" style=\"width: 467px; height: 314px;\" data-original-width=\"467\" data-original-height=\"314\" > <div class=\"tiled-gallery-item tiled-gallery-item-large\" itemprop=\"associatedMedia\" itemscope itemtype=\"http:\/\/schema.org\/ImageObject\"> <a href=\"https:\/\/itayachtscanada.com\/fr\/listing\/sirena-68-2022-2950000-usd-for-sale\/capture-decran-le-2024-09-07-a-10-00-38\/\" border=\"0\" itemprop=\"url\"> <meta itemprop=\"width\" content=\"463\"> <meta itemprop=\"height\" content=\"310\"> <img decoding=\"async\" class=\"\" data-attachment-id=\"176434\" data-orig-file=\"https:\/\/itayachtscanada.com\/wp-content\/uploads\/2024\/09\/Capture-decran-le-2024-09-07-a-10.00.38.jpg\" data-orig-size=\"1558,1044\" data-comments-opened=\"1\" data-image-meta=\"{&quot;aperture&quot;:&quot;0&quot;,&quot;credit&quot;:&quot;&quot;,&quot;camera&quot;:&quot;&quot;,&quot;caption&quot;:&quot;&quot;,&quot;created_timestamp&quot;:&quot;0&quot;,&quot;copyright&quot;:&quot;&quot;,&quot;focal_length&quot;:&quot;0&quot;,&quot;iso&quot;:&quot;0&quot;,&quot;shutter_speed&quot;:&quot;0&quot;,&quot;title&quot;:&quot;&quot;,&quot;orientation&quot;:&quot;0&quot;}\" data-image-title=\"Capture d\u2019e\u0301cran, le 2024-09-07 a\u0300 10.00.38\" data-image-description=\"\" data-medium-file=\"https:\/\/i0.wp.com\/itayachtscanada.com\/wp-content\/uploads\/2024\/09\/Capture-decran-le-2024-09-07-a-10.00.38.jpg?fit=300%2C201&#038;ssl=1\" data-large-file=\"https:\/\/i0.wp.com\/itayachtscanada.com\/wp-content\/uploads\/2024\/09\/Capture-decran-le-2024-09-07-a-10.00.38.jpg?fit=700%2C469&#038;ssl=1\" src=\"https:\/\/i0.wp.com\/itayachtscanada.com\/wp-content\/uploads\/2024\/09\/Capture-decran-le-2024-09-07-a-10.00.38.jpg?w=463&#038;h=310&#038;ssl=1\" srcset=\"https:\/\/i0.wp.com\/itayachtscanada.com\/wp-content\/uploads\/2024\/09\/Capture-decran-le-2024-09-07-a-10.00.38.jpg?w=1558&amp;ssl=1 1558w, https:\/\/i0.wp.com\/itayachtscanada.com\/wp-content\/uploads\/2024\/09\/Capture-decran-le-2024-09-07-a-10.00.38.jpg?resize=300%2C201&amp;ssl=1 300w, https:\/\/i0.wp.com\/itayachtscanada.com\/wp-content\/uploads\/2024\/09\/Capture-decran-le-2024-09-07-a-10.00.38.jpg?resize=1024%2C686&amp;ssl=1 1024w, https:\/\/i0.wp.com\/itayachtscanada.com\/wp-content\/uploads\/2024\/09\/Capture-decran-le-2024-09-07-a-10.00.38.jpg?resize=768%2C515&amp;ssl=1 768w, https:\/\/i0.wp.com\/itayachtscanada.com\/wp-content\/uploads\/2024\/09\/Capture-decran-le-2024-09-07-a-10.00.38.jpg?resize=1536%2C1029&amp;ssl=1 1536w, https:\/\/i0.wp.com\/itayachtscanada.com\/wp-content\/uploads\/2024\/09\/Capture-decran-le-2024-09-07-a-10.00.38.jpg?resize=700%2C469&amp;ssl=1 700w, https:\/\/i0.wp.com\/itayachtscanada.com\/wp-content\/uploads\/2024\/09\/Capture-decran-le-2024-09-07-a-10.00.38.jpg?resize=900%2C600&amp;ssl=1 900w, https:\/\/i0.wp.com\/itayachtscanada.com\/wp-content\/uploads\/2024\/09\/Capture-decran-le-2024-09-07-a-10.00.38.jpg?resize=597%2C400&amp;ssl=1 597w, https:\/\/i0.wp.com\/itayachtscanada.com\/wp-content\/uploads\/2024\/09\/Capture-decran-le-2024-09-07-a-10.00.38.jpg?w=1400&amp;ssl=1 1400w\" width=\"463\" height=\"310\" loading=\"lazy\" data-original-width=\"463\" data-original-height=\"310\" itemprop=\"http:\/\/schema.org\/image\" title=\"Capture d\u2019e\u0301cran, le 2024-09-07 a\u0300 10.00.38\" alt=\"Capture d\u2019e\u0301cran, le 2024-09-07 a\u0300 10.00.38\" style=\"width: 463px; height: 310px;\" \/> <\/a> <\/div> <\/div> <!-- close group --> <div class=\"gallery-group images-2\" style=\"width: 233px; height: 314px;\" data-original-width=\"233\" data-original-height=\"314\" > <div class=\"tiled-gallery-item tiled-gallery-item-small\" itemprop=\"associatedMedia\" itemscope itemtype=\"http:\/\/schema.org\/ImageObject\"> <a href=\"https:\/\/itayachtscanada.com\/fr\/listing\/sirena-68-2022-2950000-usd-for-sale\/capture-decran-le-2024-09-07-a-10-00-35\/\" border=\"0\" itemprop=\"url\"> <meta itemprop=\"width\" content=\"229\"> <meta itemprop=\"height\" content=\"153\"> <img decoding=\"async\" class=\"\" data-attachment-id=\"176435\" data-orig-file=\"https:\/\/itayachtscanada.com\/wp-content\/uploads\/2024\/09\/Capture-decran-le-2024-09-07-a-10.00.35.jpg\" data-orig-size=\"1558,1044\" data-comments-opened=\"1\" data-image-meta=\"{&quot;aperture&quot;:&quot;0&quot;,&quot;credit&quot;:&quot;&quot;,&quot;camera&quot;:&quot;&quot;,&quot;caption&quot;:&quot;&quot;,&quot;created_timestamp&quot;:&quot;0&quot;,&quot;copyright&quot;:&quot;&quot;,&quot;focal_length&quot;:&quot;0&quot;,&quot;iso&quot;:&quot;0&quot;,&quot;shutter_speed&quot;:&quot;0&quot;,&quot;title&quot;:&quot;&quot;,&quot;orientation&quot;:&quot;0&quot;}\" data-image-title=\"Capture d\u2019e\u0301cran, le 2024-09-07 a\u0300 10.00.35\" data-image-description=\"\" data-medium-file=\"https:\/\/i0.wp.com\/itayachtscanada.com\/wp-content\/uploads\/2024\/09\/Capture-decran-le-2024-09-07-a-10.00.35.jpg?fit=300%2C201&#038;ssl=1\" data-large-file=\"https:\/\/i0.wp.com\/itayachtscanada.com\/wp-content\/uploads\/2024\/09\/Capture-decran-le-2024-09-07-a-10.00.35.jpg?fit=700%2C469&#038;ssl=1\" src=\"https:\/\/i0.wp.com\/itayachtscanada.com\/wp-content\/uploads\/2024\/09\/Capture-decran-le-2024-09-07-a-10.00.35.jpg?w=229&#038;h=153&#038;ssl=1\" srcset=\"https:\/\/i0.wp.com\/itayachtscanada.com\/wp-content\/uploads\/2024\/09\/Capture-decran-le-2024-09-07-a-10.00.35.jpg?w=1558&amp;ssl=1 1558w, https:\/\/i0.wp.com\/itayachtscanada.com\/wp-content\/uploads\/2024\/09\/Capture-decran-le-2024-09-07-a-10.00.35.jpg?resize=300%2C201&amp;ssl=1 300w, https:\/\/i0.wp.com\/itayachtscanada.com\/wp-content\/uploads\/2024\/09\/Capture-decran-le-2024-09-07-a-10.00.35.jpg?resize=1024%2C686&amp;ssl=1 1024w, https:\/\/i0.wp.com\/itayachtscanada.com\/wp-content\/uploads\/2024\/09\/Capture-decran-le-2024-09-07-a-10.00.35.jpg?resize=768%2C515&amp;ssl=1 768w, https:\/\/i0.wp.com\/itayachtscanada.com\/wp-content\/uploads\/2024\/09\/Capture-decran-le-2024-09-07-a-10.00.35.jpg?resize=1536%2C1029&amp;ssl=1 1536w, https:\/\/i0.wp.com\/itayachtscanada.com\/wp-content\/uploads\/2024\/09\/Capture-decran-le-2024-09-07-a-10.00.35.jpg?resize=700%2C469&amp;ssl=1 700w, https:\/\/i0.wp.com\/itayachtscanada.com\/wp-content\/uploads\/2024\/09\/Capture-decran-le-2024-09-07-a-10.00.35.jpg?resize=900%2C600&amp;ssl=1 900w, https:\/\/i0.wp.com\/itayachtscanada.com\/wp-content\/uploads\/2024\/09\/Capture-decran-le-2024-09-07-a-10.00.35.jpg?resize=597%2C400&amp;ssl=1 597w, https:\/\/i0.wp.com\/itayachtscanada.com\/wp-content\/uploads\/2024\/09\/Capture-decran-le-2024-09-07-a-10.00.35.jpg?w=1400&amp;ssl=1 1400w\" width=\"229\" height=\"153\" loading=\"lazy\" data-original-width=\"229\" data-original-height=\"153\" itemprop=\"http:\/\/schema.org\/image\" title=\"Capture d\u2019e\u0301cran, le 2024-09-07 a\u0300 10.00.35\" alt=\"Capture d\u2019e\u0301cran, le 2024-09-07 a\u0300 10.00.35\" style=\"width: 229px; height: 153px;\" \/> <\/a> <\/div> <div class=\"tiled-gallery-item tiled-gallery-item-small\" itemprop=\"associatedMedia\" itemscope itemtype=\"http:\/\/schema.org\/ImageObject\"> <a href=\"https:\/\/itayachtscanada.com\/fr\/listing\/sirena-68-2022-2950000-usd-for-sale\/capture-decran-le-2024-09-07-a-10-00-32\/\" border=\"0\" itemprop=\"url\"> <meta itemprop=\"width\" content=\"229\"> <meta itemprop=\"height\" content=\"153\"> <img decoding=\"async\" class=\"\" data-attachment-id=\"176436\" data-orig-file=\"https:\/\/itayachtscanada.com\/wp-content\/uploads\/2024\/09\/Capture-decran-le-2024-09-07-a-10.00.32.jpg\" data-orig-size=\"1558,1044\" data-comments-opened=\"1\" data-image-meta=\"{&quot;aperture&quot;:&quot;0&quot;,&quot;credit&quot;:&quot;&quot;,&quot;camera&quot;:&quot;&quot;,&quot;caption&quot;:&quot;&quot;,&quot;created_timestamp&quot;:&quot;0&quot;,&quot;copyright&quot;:&quot;&quot;,&quot;focal_length&quot;:&quot;0&quot;,&quot;iso&quot;:&quot;0&quot;,&quot;shutter_speed&quot;:&quot;0&quot;,&quot;title&quot;:&quot;&quot;,&quot;orientation&quot;:&quot;0&quot;}\" data-image-title=\"Capture d\u2019e\u0301cran, le 2024-09-07 a\u0300 10.00.32\" data-image-description=\"\" data-medium-file=\"https:\/\/i0.wp.com\/itayachtscanada.com\/wp-content\/uploads\/2024\/09\/Capture-decran-le-2024-09-07-a-10.00.32.jpg?fit=300%2C201&#038;ssl=1\" data-large-file=\"https:\/\/i0.wp.com\/itayachtscanada.com\/wp-content\/uploads\/2024\/09\/Capture-decran-le-2024-09-07-a-10.00.32.jpg?fit=700%2C469&#038;ssl=1\" src=\"https:\/\/i0.wp.com\/itayachtscanada.com\/wp-content\/uploads\/2024\/09\/Capture-decran-le-2024-09-07-a-10.00.32.jpg?w=229&#038;h=153&#038;ssl=1\" srcset=\"https:\/\/i0.wp.com\/itayachtscanada.com\/wp-content\/uploads\/2024\/09\/Capture-decran-le-2024-09-07-a-10.00.32.jpg?w=1558&amp;ssl=1 1558w, https:\/\/i0.wp.com\/itayachtscanada.com\/wp-content\/uploads\/2024\/09\/Capture-decran-le-2024-09-07-a-10.00.32.jpg?resize=300%2C201&amp;ssl=1 300w, https:\/\/i0.wp.com\/itayachtscanada.com\/wp-content\/uploads\/2024\/09\/Capture-decran-le-2024-09-07-a-10.00.32.jpg?resize=1024%2C686&amp;ssl=1 1024w, https:\/\/i0.wp.com\/itayachtscanada.com\/wp-content\/uploads\/2024\/09\/Capture-decran-le-2024-09-07-a-10.00.32.jpg?resize=768%2C515&amp;ssl=1 768w, https:\/\/i0.wp.com\/itayachtscanada.com\/wp-content\/uploads\/2024\/09\/Capture-decran-le-2024-09-07-a-10.00.32.jpg?resize=1536%2C1029&amp;ssl=1 1536w, https:\/\/i0.wp.com\/itayachtscanada.com\/wp-content\/uploads\/2024\/09\/Capture-decran-le-2024-09-07-a-10.00.32.jpg?resize=700%2C469&amp;ssl=1 700w, https:\/\/i0.wp.com\/itayachtscanada.com\/wp-content\/uploads\/2024\/09\/Capture-decran-le-2024-09-07-a-10.00.32.jpg?resize=900%2C600&amp;ssl=1 900w, https:\/\/i0.wp.com\/itayachtscanada.com\/wp-content\/uploads\/2024\/09\/Capture-decran-le-2024-09-07-a-10.00.32.jpg?resize=597%2C400&amp;ssl=1 597w, https:\/\/i0.wp.com\/itayachtscanada.com\/wp-content\/uploads\/2024\/09\/Capture-decran-le-2024-09-07-a-10.00.32.jpg?w=1400&amp;ssl=1 1400w\" width=\"229\" height=\"153\" loading=\"lazy\" data-original-width=\"229\" data-original-height=\"153\" itemprop=\"http:\/\/schema.org\/image\" title=\"Capture d\u2019e\u0301cran, le 2024-09-07 a\u0300 10.00.32\" alt=\"Capture d\u2019e\u0301cran, le 2024-09-07 a\u0300 10.00.32\" style=\"width: 229px; height: 153px;\" \/> <\/a> <\/div> <\/div> <!-- close group --> <\/div> <!-- close row --> <div class=\"gallery-row\" style=\"width: 700px; height: 501px;\" data-original-width=\"700\" data-original-height=\"501\" > <div class=\"gallery-group images-2\" style=\"width: 372px; height: 501px;\" data-original-width=\"372\" data-original-height=\"501\" > <div class=\"tiled-gallery-item tiled-gallery-item-large\" itemprop=\"associatedMedia\" itemscope itemtype=\"http:\/\/schema.org\/ImageObject\"> <a href=\"https:\/\/itayachtscanada.com\/fr\/listing\/sirena-68-2022-2950000-usd-for-sale\/capture-decran-le-2024-09-07-a-10-00-28\/\" border=\"0\" itemprop=\"url\"> <meta itemprop=\"width\" content=\"368\"> <meta itemprop=\"height\" content=\"247\"> <img decoding=\"async\" class=\"\" data-attachment-id=\"176437\" data-orig-file=\"https:\/\/itayachtscanada.com\/wp-content\/uploads\/2024\/09\/Capture-decran-le-2024-09-07-a-10.00.28.jpg\" data-orig-size=\"1558,1044\" data-comments-opened=\"1\" data-image-meta=\"{&quot;aperture&quot;:&quot;0&quot;,&quot;credit&quot;:&quot;&quot;,&quot;camera&quot;:&quot;&quot;,&quot;caption&quot;:&quot;&quot;,&quot;created_timestamp&quot;:&quot;0&quot;,&quot;copyright&quot;:&quot;&quot;,&quot;focal_length&quot;:&quot;0&quot;,&quot;iso&quot;:&quot;0&quot;,&quot;shutter_speed&quot;:&quot;0&quot;,&quot;title&quot;:&quot;&quot;,&quot;orientation&quot;:&quot;0&quot;}\" data-image-title=\"Capture d\u2019e\u0301cran, le 2024-09-07 a\u0300 10.00.28\" data-image-description=\"\" data-medium-file=\"https:\/\/i0.wp.com\/itayachtscanada.com\/wp-content\/uploads\/2024\/09\/Capture-decran-le-2024-09-07-a-10.00.28.jpg?fit=300%2C201&#038;ssl=1\" data-large-file=\"https:\/\/i0.wp.com\/itayachtscanada.com\/wp-content\/uploads\/2024\/09\/Capture-decran-le-2024-09-07-a-10.00.28.jpg?fit=700%2C469&#038;ssl=1\" src=\"https:\/\/i0.wp.com\/itayachtscanada.com\/wp-content\/uploads\/2024\/09\/Capture-decran-le-2024-09-07-a-10.00.28.jpg?w=368&#038;h=247&#038;ssl=1\" srcset=\"https:\/\/i0.wp.com\/itayachtscanada.com\/wp-content\/uploads\/2024\/09\/Capture-decran-le-2024-09-07-a-10.00.28.jpg?w=1558&amp;ssl=1 1558w, https:\/\/i0.wp.com\/itayachtscanada.com\/wp-content\/uploads\/2024\/09\/Capture-decran-le-2024-09-07-a-10.00.28.jpg?resize=300%2C201&amp;ssl=1 300w, https:\/\/i0.wp.com\/itayachtscanada.com\/wp-content\/uploads\/2024\/09\/Capture-decran-le-2024-09-07-a-10.00.28.jpg?resize=1024%2C686&amp;ssl=1 1024w, https:\/\/i0.wp.com\/itayachtscanada.com\/wp-content\/uploads\/2024\/09\/Capture-decran-le-2024-09-07-a-10.00.28.jpg?resize=768%2C515&amp;ssl=1 768w, https:\/\/i0.wp.com\/itayachtscanada.com\/wp-content\/uploads\/2024\/09\/Capture-decran-le-2024-09-07-a-10.00.28.jpg?resize=1536%2C1029&amp;ssl=1 1536w, https:\/\/i0.wp.com\/itayachtscanada.com\/wp-content\/uploads\/2024\/09\/Capture-decran-le-2024-09-07-a-10.00.28.jpg?resize=700%2C469&amp;ssl=1 700w, https:\/\/i0.wp.com\/itayachtscanada.com\/wp-content\/uploads\/2024\/09\/Capture-decran-le-2024-09-07-a-10.00.28.jpg?resize=597%2C400&amp;ssl=1 597w, https:\/\/i0.wp.com\/itayachtscanada.com\/wp-content\/uploads\/2024\/09\/Capture-decran-le-2024-09-07-a-10.00.28.jpg?w=1400&amp;ssl=1 1400w\" width=\"368\" height=\"247\" loading=\"lazy\" data-original-width=\"368\" data-original-height=\"247\" itemprop=\"http:\/\/schema.org\/image\" title=\"Capture d\u2019e\u0301cran, le 2024-09-07 a\u0300 10.00.28\" alt=\"Capture d\u2019e\u0301cran, le 2024-09-07 a\u0300 10.00.28\" style=\"width: 368px; height: 247px;\" \/> <\/a> <\/div> <div class=\"tiled-gallery-item tiled-gallery-item-large\" itemprop=\"associatedMedia\" itemscope itemtype=\"http:\/\/schema.org\/ImageObject\"> <a href=\"https:\/\/itayachtscanada.com\/fr\/listing\/sirena-68-2022-2950000-usd-for-sale\/capture-decran-le-2024-09-07-a-10-00-19\/\" border=\"0\" itemprop=\"url\"> <meta itemprop=\"width\" content=\"368\"> <meta itemprop=\"height\" content=\"246\"> <img decoding=\"async\" class=\"\" data-attachment-id=\"176438\" data-orig-file=\"https:\/\/itayachtscanada.com\/wp-content\/uploads\/2024\/09\/Capture-decran-le-2024-09-07-a-10.00.19.jpg\" data-orig-size=\"1558,1044\" data-comments-opened=\"1\" data-image-meta=\"{&quot;aperture&quot;:&quot;0&quot;,&quot;credit&quot;:&quot;&quot;,&quot;camera&quot;:&quot;&quot;,&quot;caption&quot;:&quot;&quot;,&quot;created_timestamp&quot;:&quot;0&quot;,&quot;copyright&quot;:&quot;&quot;,&quot;focal_length&quot;:&quot;0&quot;,&quot;iso&quot;:&quot;0&quot;,&quot;shutter_speed&quot;:&quot;0&quot;,&quot;title&quot;:&quot;&quot;,&quot;orientation&quot;:&quot;0&quot;}\" data-image-title=\"Capture d\u2019e\u0301cran, le 2024-09-07 a\u0300 10.00.19\" data-image-description=\"\" data-medium-file=\"https:\/\/i0.wp.com\/itayachtscanada.com\/wp-content\/uploads\/2024\/09\/Capture-decran-le-2024-09-07-a-10.00.19.jpg?fit=300%2C201&#038;ssl=1\" data-large-file=\"https:\/\/i0.wp.com\/itayachtscanada.com\/wp-content\/uploads\/2024\/09\/Capture-decran-le-2024-09-07-a-10.00.19.jpg?fit=700%2C469&#038;ssl=1\" src=\"https:\/\/i0.wp.com\/itayachtscanada.com\/wp-content\/uploads\/2024\/09\/Capture-decran-le-2024-09-07-a-10.00.19.jpg?w=368&#038;h=246&#038;ssl=1\" srcset=\"https:\/\/i0.wp.com\/itayachtscanada.com\/wp-content\/uploads\/2024\/09\/Capture-decran-le-2024-09-07-a-10.00.19.jpg?w=1558&amp;ssl=1 1558w, https:\/\/i0.wp.com\/itayachtscanada.com\/wp-content\/uploads\/2024\/09\/Capture-decran-le-2024-09-07-a-10.00.19.jpg?resize=300%2C201&amp;ssl=1 300w, https:\/\/i0.wp.com\/itayachtscanada.com\/wp-content\/uploads\/2024\/09\/Capture-decran-le-2024-09-07-a-10.00.19.jpg?resize=1024%2C686&amp;ssl=1 1024w, https:\/\/i0.wp.com\/itayachtscanada.com\/wp-content\/uploads\/2024\/09\/Capture-decran-le-2024-09-07-a-10.00.19.jpg?resize=768%2C515&amp;ssl=1 768w, https:\/\/i0.wp.com\/itayachtscanada.com\/wp-content\/uploads\/2024\/09\/Capture-decran-le-2024-09-07-a-10.00.19.jpg?resize=1536%2C1029&amp;ssl=1 1536w, https:\/\/i0.wp.com\/itayachtscanada.com\/wp-content\/uploads\/2024\/09\/Capture-decran-le-2024-09-07-a-10.00.19.jpg?resize=700%2C469&amp;ssl=1 700w, https:\/\/i0.wp.com\/itayachtscanada.com\/wp-content\/uploads\/2024\/09\/Capture-decran-le-2024-09-07-a-10.00.19.jpg?resize=900%2C600&amp;ssl=1 900w, https:\/\/i0.wp.com\/itayachtscanada.com\/wp-content\/uploads\/2024\/09\/Capture-decran-le-2024-09-07-a-10.00.19.jpg?resize=597%2C400&amp;ssl=1 597w, https:\/\/i0.wp.com\/itayachtscanada.com\/wp-content\/uploads\/2024\/09\/Capture-decran-le-2024-09-07-a-10.00.19.jpg?w=1400&amp;ssl=1 1400w\" width=\"368\" height=\"246\" loading=\"lazy\" data-original-width=\"368\" data-original-height=\"246\" itemprop=\"http:\/\/schema.org\/image\" title=\"Capture d\u2019e\u0301cran, le 2024-09-07 a\u0300 10.00.19\" alt=\"Capture d\u2019e\u0301cran, le 2024-09-07 a\u0300 10.00.19\" style=\"width: 368px; height: 246px;\" \/> <\/a> <\/div> <\/div> <!-- close group --> <div class=\"gallery-group images-1\" style=\"width: 328px; height: 501px;\" data-original-width=\"328\" data-original-height=\"501\" > <div class=\"tiled-gallery-item tiled-gallery-item-large\" itemprop=\"associatedMedia\" itemscope itemtype=\"http:\/\/schema.org\/ImageObject\"> <a href=\"https:\/\/itayachtscanada.com\/fr\/listing\/sirena-68-2022-2950000-usd-for-sale\/capture-decran-le-2024-09-07-a-10-00-10\/\" border=\"0\" itemprop=\"url\"> <meta itemprop=\"width\" content=\"324\"> <meta itemprop=\"height\" content=\"497\"> <img decoding=\"async\" class=\"\" data-attachment-id=\"176439\" data-orig-file=\"https:\/\/itayachtscanada.com\/wp-content\/uploads\/2024\/09\/Capture-decran-le-2024-09-07-a-10.00.10.jpg\" data-orig-size=\"682,1044\" data-comments-opened=\"1\" data-image-meta=\"{&quot;aperture&quot;:&quot;0&quot;,&quot;credit&quot;:&quot;&quot;,&quot;camera&quot;:&quot;&quot;,&quot;caption&quot;:&quot;&quot;,&quot;created_timestamp&quot;:&quot;0&quot;,&quot;copyright&quot;:&quot;&quot;,&quot;focal_length&quot;:&quot;0&quot;,&quot;iso&quot;:&quot;0&quot;,&quot;shutter_speed&quot;:&quot;0&quot;,&quot;title&quot;:&quot;&quot;,&quot;orientation&quot;:&quot;0&quot;}\" data-image-title=\"Capture d\u2019e\u0301cran, le 2024-09-07 a\u0300 10.00.10\" data-image-description=\"\" data-medium-file=\"https:\/\/i0.wp.com\/itayachtscanada.com\/wp-content\/uploads\/2024\/09\/Capture-decran-le-2024-09-07-a-10.00.10.jpg?fit=196%2C300&#038;ssl=1\" data-large-file=\"https:\/\/i0.wp.com\/itayachtscanada.com\/wp-content\/uploads\/2024\/09\/Capture-decran-le-2024-09-07-a-10.00.10.jpg?fit=669%2C1024&#038;ssl=1\" src=\"https:\/\/i0.wp.com\/itayachtscanada.com\/wp-content\/uploads\/2024\/09\/Capture-decran-le-2024-09-07-a-10.00.10.jpg?w=324&#038;h=497&#038;ssl=1\" srcset=\"https:\/\/i0.wp.com\/itayachtscanada.com\/wp-content\/uploads\/2024\/09\/Capture-decran-le-2024-09-07-a-10.00.10.jpg?w=682&amp;ssl=1 682w, https:\/\/i0.wp.com\/itayachtscanada.com\/wp-content\/uploads\/2024\/09\/Capture-decran-le-2024-09-07-a-10.00.10.jpg?resize=196%2C300&amp;ssl=1 196w, https:\/\/i0.wp.com\/itayachtscanada.com\/wp-content\/uploads\/2024\/09\/Capture-decran-le-2024-09-07-a-10.00.10.jpg?resize=669%2C1024&amp;ssl=1 669w, https:\/\/i0.wp.com\/itayachtscanada.com\/wp-content\/uploads\/2024\/09\/Capture-decran-le-2024-09-07-a-10.00.10.jpg?resize=261%2C400&amp;ssl=1 261w\" width=\"324\" height=\"497\" loading=\"lazy\" data-original-width=\"324\" data-original-height=\"497\" itemprop=\"http:\/\/schema.org\/image\" title=\"Capture d\u2019e\u0301cran, le 2024-09-07 a\u0300 10.00.10\" alt=\"Capture d\u2019e\u0301cran, le 2024-09-07 a\u0300 10.00.10\" style=\"width: 324px; height: 497px;\" \/> <\/a> <\/div> <\/div> <!-- close group --> <\/div> <!-- close row --> <div class=\"gallery-row\" style=\"width: 700px; height: 340px;\" data-original-width=\"700\" data-original-height=\"340\" > <div class=\"gallery-group images-1\" style=\"width: 224px; height: 340px;\" data-original-width=\"224\" data-original-height=\"340\" > <div class=\"tiled-gallery-item tiled-gallery-item-small\" itemprop=\"associatedMedia\" itemscope itemtype=\"http:\/\/schema.org\/ImageObject\"> <a href=\"https:\/\/itayachtscanada.com\/fr\/listing\/sirena-68-2022-2950000-usd-for-sale\/capture-decran-le-2024-09-07-a-10-00-01\/\" border=\"0\" itemprop=\"url\"> <meta itemprop=\"width\" content=\"220\"> <meta itemprop=\"height\" content=\"336\"> <img decoding=\"async\" class=\"\" data-attachment-id=\"176440\" data-orig-file=\"https:\/\/itayachtscanada.com\/wp-content\/uploads\/2024\/09\/Capture-decran-le-2024-09-07-a-10.00.01.jpg\" data-orig-size=\"682,1044\" data-comments-opened=\"1\" data-image-meta=\"{&quot;aperture&quot;:&quot;0&quot;,&quot;credit&quot;:&quot;&quot;,&quot;camera&quot;:&quot;&quot;,&quot;caption&quot;:&quot;&quot;,&quot;created_timestamp&quot;:&quot;0&quot;,&quot;copyright&quot;:&quot;&quot;,&quot;focal_length&quot;:&quot;0&quot;,&quot;iso&quot;:&quot;0&quot;,&quot;shutter_speed&quot;:&quot;0&quot;,&quot;title&quot;:&quot;&quot;,&quot;orientation&quot;:&quot;0&quot;}\" data-image-title=\"Capture d\u2019e\u0301cran, le 2024-09-07 a\u0300 10.00.01\" data-image-description=\"\" data-medium-file=\"https:\/\/i0.wp.com\/itayachtscanada.com\/wp-content\/uploads\/2024\/09\/Capture-decran-le-2024-09-07-a-10.00.01.jpg?fit=196%2C300&#038;ssl=1\" data-large-file=\"https:\/\/i0.wp.com\/itayachtscanada.com\/wp-content\/uploads\/2024\/09\/Capture-decran-le-2024-09-07-a-10.00.01.jpg?fit=669%2C1024&#038;ssl=1\" src=\"https:\/\/i0.wp.com\/itayachtscanada.com\/wp-content\/uploads\/2024\/09\/Capture-decran-le-2024-09-07-a-10.00.01.jpg?w=220&#038;h=336&#038;ssl=1\" srcset=\"https:\/\/i0.wp.com\/itayachtscanada.com\/wp-content\/uploads\/2024\/09\/Capture-decran-le-2024-09-07-a-10.00.01.jpg?w=682&amp;ssl=1 682w, https:\/\/i0.wp.com\/itayachtscanada.com\/wp-content\/uploads\/2024\/09\/Capture-decran-le-2024-09-07-a-10.00.01.jpg?resize=196%2C300&amp;ssl=1 196w, https:\/\/i0.wp.com\/itayachtscanada.com\/wp-content\/uploads\/2024\/09\/Capture-decran-le-2024-09-07-a-10.00.01.jpg?resize=669%2C1024&amp;ssl=1 669w, https:\/\/i0.wp.com\/itayachtscanada.com\/wp-content\/uploads\/2024\/09\/Capture-decran-le-2024-09-07-a-10.00.01.jpg?resize=261%2C400&amp;ssl=1 261w\" width=\"220\" height=\"336\" loading=\"lazy\" data-original-width=\"220\" data-original-height=\"336\" itemprop=\"http:\/\/schema.org\/image\" title=\"Capture d\u2019e\u0301cran, le 2024-09-07 a\u0300 10.00.01\" alt=\"Capture d\u2019e\u0301cran, le 2024-09-07 a\u0300 10.00.01\" style=\"width: 220px; height: 336px;\" \/> <\/a> <\/div> <\/div> <!-- close group --> <div class=\"gallery-group images-2\" style=\"width: 252px; height: 340px;\" data-original-width=\"252\" data-original-height=\"340\" > <div class=\"tiled-gallery-item tiled-gallery-item-small\" itemprop=\"associatedMedia\" itemscope itemtype=\"http:\/\/schema.org\/ImageObject\"> <a href=\"https:\/\/itayachtscanada.com\/fr\/listing\/sirena-68-2022-2950000-usd-for-sale\/capture-decran-le-2024-09-07-a-09-59-38\/\" border=\"0\" itemprop=\"url\"> <meta itemprop=\"width\" content=\"248\"> <meta itemprop=\"height\" content=\"166\"> <img decoding=\"async\" class=\"\" data-attachment-id=\"176443\" data-orig-file=\"https:\/\/itayachtscanada.com\/wp-content\/uploads\/2024\/09\/Capture-decran-le-2024-09-07-a-09.59.38.jpg\" data-orig-size=\"1562,1044\" data-comments-opened=\"1\" data-image-meta=\"{&quot;aperture&quot;:&quot;0&quot;,&quot;credit&quot;:&quot;&quot;,&quot;camera&quot;:&quot;&quot;,&quot;caption&quot;:&quot;&quot;,&quot;created_timestamp&quot;:&quot;0&quot;,&quot;copyright&quot;:&quot;&quot;,&quot;focal_length&quot;:&quot;0&quot;,&quot;iso&quot;:&quot;0&quot;,&quot;shutter_speed&quot;:&quot;0&quot;,&quot;title&quot;:&quot;&quot;,&quot;orientation&quot;:&quot;0&quot;}\" data-image-title=\"Capture d\u2019e\u0301cran, le 2024-09-07 a\u0300 09.59.38\" data-image-description=\"\" data-medium-file=\"https:\/\/i0.wp.com\/itayachtscanada.com\/wp-content\/uploads\/2024\/09\/Capture-decran-le-2024-09-07-a-09.59.38.jpg?fit=300%2C201&#038;ssl=1\" data-large-file=\"https:\/\/i0.wp.com\/itayachtscanada.com\/wp-content\/uploads\/2024\/09\/Capture-decran-le-2024-09-07-a-09.59.38.jpg?fit=700%2C468&#038;ssl=1\" src=\"https:\/\/i0.wp.com\/itayachtscanada.com\/wp-content\/uploads\/2024\/09\/Capture-decran-le-2024-09-07-a-09.59.38.jpg?w=248&#038;h=166&#038;ssl=1\" srcset=\"https:\/\/i0.wp.com\/itayachtscanada.com\/wp-content\/uploads\/2024\/09\/Capture-decran-le-2024-09-07-a-09.59.38.jpg?w=1562&amp;ssl=1 1562w, https:\/\/i0.wp.com\/itayachtscanada.com\/wp-content\/uploads\/2024\/09\/Capture-decran-le-2024-09-07-a-09.59.38.jpg?resize=300%2C201&amp;ssl=1 300w, https:\/\/i0.wp.com\/itayachtscanada.com\/wp-content\/uploads\/2024\/09\/Capture-decran-le-2024-09-07-a-09.59.38.jpg?resize=1024%2C684&amp;ssl=1 1024w, https:\/\/i0.wp.com\/itayachtscanada.com\/wp-content\/uploads\/2024\/09\/Capture-decran-le-2024-09-07-a-09.59.38.jpg?resize=768%2C513&amp;ssl=1 768w, https:\/\/i0.wp.com\/itayachtscanada.com\/wp-content\/uploads\/2024\/09\/Capture-decran-le-2024-09-07-a-09.59.38.jpg?resize=1536%2C1027&amp;ssl=1 1536w, https:\/\/i0.wp.com\/itayachtscanada.com\/wp-content\/uploads\/2024\/09\/Capture-decran-le-2024-09-07-a-09.59.38.jpg?resize=700%2C468&amp;ssl=1 700w, https:\/\/i0.wp.com\/itayachtscanada.com\/wp-content\/uploads\/2024\/09\/Capture-decran-le-2024-09-07-a-09.59.38.jpg?resize=900%2C600&amp;ssl=1 900w, https:\/\/i0.wp.com\/itayachtscanada.com\/wp-content\/uploads\/2024\/09\/Capture-decran-le-2024-09-07-a-09.59.38.jpg?resize=598%2C400&amp;ssl=1 598w, https:\/\/i0.wp.com\/itayachtscanada.com\/wp-content\/uploads\/2024\/09\/Capture-decran-le-2024-09-07-a-09.59.38.jpg?w=1400&amp;ssl=1 1400w\" width=\"248\" height=\"166\" loading=\"lazy\" data-original-width=\"248\" data-original-height=\"166\" itemprop=\"http:\/\/schema.org\/image\" title=\"Capture d\u2019e\u0301cran, le 2024-09-07 a\u0300 09.59.38\" alt=\"Capture d\u2019e\u0301cran, le 2024-09-07 a\u0300 09.59.38\" style=\"width: 248px; height: 166px;\" \/> <\/a> <\/div> <div class=\"tiled-gallery-item tiled-gallery-item-small\" itemprop=\"associatedMedia\" itemscope itemtype=\"http:\/\/schema.org\/ImageObject\"> <a href=\"https:\/\/itayachtscanada.com\/fr\/listing\/sirena-68-2022-2950000-usd-for-sale\/capture-decran-le-2024-09-07-a-09-59-30\/\" border=\"0\" itemprop=\"url\"> <meta itemprop=\"width\" content=\"248\"> <meta itemprop=\"height\" content=\"166\"> <img decoding=\"async\" class=\"\" data-attachment-id=\"176444\" data-orig-file=\"https:\/\/itayachtscanada.com\/wp-content\/uploads\/2024\/09\/Capture-decran-le-2024-09-07-a-09.59.30.jpg\" data-orig-size=\"1562,1044\" data-comments-opened=\"1\" data-image-meta=\"{&quot;aperture&quot;:&quot;0&quot;,&quot;credit&quot;:&quot;&quot;,&quot;camera&quot;:&quot;&quot;,&quot;caption&quot;:&quot;&quot;,&quot;created_timestamp&quot;:&quot;0&quot;,&quot;copyright&quot;:&quot;&quot;,&quot;focal_length&quot;:&quot;0&quot;,&quot;iso&quot;:&quot;0&quot;,&quot;shutter_speed&quot;:&quot;0&quot;,&quot;title&quot;:&quot;&quot;,&quot;orientation&quot;:&quot;0&quot;}\" data-image-title=\"Capture d\u2019e\u0301cran, le 2024-09-07 a\u0300 09.59.30\" data-image-description=\"\" data-medium-file=\"https:\/\/i0.wp.com\/itayachtscanada.com\/wp-content\/uploads\/2024\/09\/Capture-decran-le-2024-09-07-a-09.59.30.jpg?fit=300%2C201&#038;ssl=1\" data-large-file=\"https:\/\/i0.wp.com\/itayachtscanada.com\/wp-content\/uploads\/2024\/09\/Capture-decran-le-2024-09-07-a-09.59.30.jpg?fit=700%2C468&#038;ssl=1\" src=\"https:\/\/i0.wp.com\/itayachtscanada.com\/wp-content\/uploads\/2024\/09\/Capture-decran-le-2024-09-07-a-09.59.30.jpg?w=248&#038;h=166&#038;ssl=1\" srcset=\"https:\/\/i0.wp.com\/itayachtscanada.com\/wp-content\/uploads\/2024\/09\/Capture-decran-le-2024-09-07-a-09.59.30.jpg?w=1562&amp;ssl=1 1562w, https:\/\/i0.wp.com\/itayachtscanada.com\/wp-content\/uploads\/2024\/09\/Capture-decran-le-2024-09-07-a-09.59.30.jpg?resize=300%2C201&amp;ssl=1 300w, https:\/\/i0.wp.com\/itayachtscanada.com\/wp-content\/uploads\/2024\/09\/Capture-decran-le-2024-09-07-a-09.59.30.jpg?resize=1024%2C684&amp;ssl=1 1024w, https:\/\/i0.wp.com\/itayachtscanada.com\/wp-content\/uploads\/2024\/09\/Capture-decran-le-2024-09-07-a-09.59.30.jpg?resize=768%2C513&amp;ssl=1 768w, https:\/\/i0.wp.com\/itayachtscanada.com\/wp-content\/uploads\/2024\/09\/Capture-decran-le-2024-09-07-a-09.59.30.jpg?resize=1536%2C1027&amp;ssl=1 1536w, https:\/\/i0.wp.com\/itayachtscanada.com\/wp-content\/uploads\/2024\/09\/Capture-decran-le-2024-09-07-a-09.59.30.jpg?resize=700%2C468&amp;ssl=1 700w, https:\/\/i0.wp.com\/itayachtscanada.com\/wp-content\/uploads\/2024\/09\/Capture-decran-le-2024-09-07-a-09.59.30.jpg?resize=900%2C600&amp;ssl=1 900w, https:\/\/i0.wp.com\/itayachtscanada.com\/wp-content\/uploads\/2024\/09\/Capture-decran-le-2024-09-07-a-09.59.30.jpg?resize=598%2C400&amp;ssl=1 598w, https:\/\/i0.wp.com\/itayachtscanada.com\/wp-content\/uploads\/2024\/09\/Capture-decran-le-2024-09-07-a-09.59.30.jpg?w=1400&amp;ssl=1 1400w\" width=\"248\" height=\"166\" loading=\"lazy\" data-original-width=\"248\" data-original-height=\"166\" itemprop=\"http:\/\/schema.org\/image\" title=\"Capture d\u2019e\u0301cran, le 2024-09-07 a\u0300 09.59.30\" alt=\"Capture d\u2019e\u0301cran, le 2024-09-07 a\u0300 09.59.30\" style=\"width: 248px; height: 166px;\" \/> <\/a> <\/div> <\/div> <!-- close group --> <div class=\"gallery-group images-1\" style=\"width: 224px; height: 340px;\" data-original-width=\"224\" data-original-height=\"340\" > <div class=\"tiled-gallery-item tiled-gallery-item-small\" itemprop=\"associatedMedia\" itemscope itemtype=\"http:\/\/schema.org\/ImageObject\"> <a href=\"https:\/\/itayachtscanada.com\/fr\/listing\/sirena-68-2022-2950000-usd-for-sale\/capture-decran-le-2024-09-07-a-09-59-27\/\" border=\"0\" itemprop=\"url\"> <meta itemprop=\"width\" content=\"220\"> <meta itemprop=\"height\" content=\"336\"> <img decoding=\"async\" class=\"\" data-attachment-id=\"176445\" data-orig-file=\"https:\/\/itayachtscanada.com\/wp-content\/uploads\/2024\/09\/Capture-decran-le-2024-09-07-a-09.59.27.jpg\" data-orig-size=\"682,1044\" data-comments-opened=\"1\" data-image-meta=\"{&quot;aperture&quot;:&quot;0&quot;,&quot;credit&quot;:&quot;&quot;,&quot;camera&quot;:&quot;&quot;,&quot;caption&quot;:&quot;&quot;,&quot;created_timestamp&quot;:&quot;0&quot;,&quot;copyright&quot;:&quot;&quot;,&quot;focal_length&quot;:&quot;0&quot;,&quot;iso&quot;:&quot;0&quot;,&quot;shutter_speed&quot;:&quot;0&quot;,&quot;title&quot;:&quot;&quot;,&quot;orientation&quot;:&quot;0&quot;}\" data-image-title=\"Capture d\u2019e\u0301cran, le 2024-09-07 a\u0300 09.59.27\" data-image-description=\"\" data-medium-file=\"https:\/\/i0.wp.com\/itayachtscanada.com\/wp-content\/uploads\/2024\/09\/Capture-decran-le-2024-09-07-a-09.59.27.jpg?fit=196%2C300&#038;ssl=1\" data-large-file=\"https:\/\/i0.wp.com\/itayachtscanada.com\/wp-content\/uploads\/2024\/09\/Capture-decran-le-2024-09-07-a-09.59.27.jpg?fit=669%2C1024&#038;ssl=1\" src=\"https:\/\/i0.wp.com\/itayachtscanada.com\/wp-content\/uploads\/2024\/09\/Capture-decran-le-2024-09-07-a-09.59.27.jpg?w=220&#038;h=336&#038;ssl=1\" srcset=\"https:\/\/i0.wp.com\/itayachtscanada.com\/wp-content\/uploads\/2024\/09\/Capture-decran-le-2024-09-07-a-09.59.27.jpg?w=682&amp;ssl=1 682w, https:\/\/i0.wp.com\/itayachtscanada.com\/wp-content\/uploads\/2024\/09\/Capture-decran-le-2024-09-07-a-09.59.27.jpg?resize=196%2C300&amp;ssl=1 196w, https:\/\/i0.wp.com\/itayachtscanada.com\/wp-content\/uploads\/2024\/09\/Capture-decran-le-2024-09-07-a-09.59.27.jpg?resize=669%2C1024&amp;ssl=1 669w, https:\/\/i0.wp.com\/itayachtscanada.com\/wp-content\/uploads\/2024\/09\/Capture-decran-le-2024-09-07-a-09.59.27.jpg?resize=261%2C400&amp;ssl=1 261w\" width=\"220\" height=\"336\" loading=\"lazy\" data-original-width=\"220\" data-original-height=\"336\" itemprop=\"http:\/\/schema.org\/image\" title=\"Capture d\u2019e\u0301cran, le 2024-09-07 a\u0300 09.59.27\" alt=\"Capture d\u2019e\u0301cran, le 2024-09-07 a\u0300 09.59.27\" style=\"width: 220px; height: 336px;\" \/> <\/a> <\/div> <\/div> <!-- close group --> <\/div> <!-- close row --> <div class=\"gallery-row\" style=\"width: 700px; height: 265px;\" data-original-width=\"700\" data-original-height=\"265\" > <div class=\"gallery-group images-1\" style=\"width: 175px; height: 265px;\" data-original-width=\"175\" data-original-height=\"265\" > <div class=\"tiled-gallery-item tiled-gallery-item-small\" itemprop=\"associatedMedia\" itemscope itemtype=\"http:\/\/schema.org\/ImageObject\"> <a href=\"https:\/\/itayachtscanada.com\/fr\/listing\/sirena-68-2022-2950000-usd-for-sale\/capture-decran-le-2024-09-07-a-09-55-54\/\" border=\"0\" itemprop=\"url\"> <meta itemprop=\"width\" content=\"171\"> <meta itemprop=\"height\" content=\"261\"> <img decoding=\"async\" class=\"\" data-attachment-id=\"176447\" data-orig-file=\"https:\/\/itayachtscanada.com\/wp-content\/uploads\/2024\/09\/Capture-decran-le-2024-09-07-a-09.55.54.jpg\" data-orig-size=\"676,1030\" data-comments-opened=\"1\" data-image-meta=\"{&quot;aperture&quot;:&quot;0&quot;,&quot;credit&quot;:&quot;&quot;,&quot;camera&quot;:&quot;&quot;,&quot;caption&quot;:&quot;&quot;,&quot;created_timestamp&quot;:&quot;0&quot;,&quot;copyright&quot;:&quot;&quot;,&quot;focal_length&quot;:&quot;0&quot;,&quot;iso&quot;:&quot;0&quot;,&quot;shutter_speed&quot;:&quot;0&quot;,&quot;title&quot;:&quot;&quot;,&quot;orientation&quot;:&quot;0&quot;}\" data-image-title=\"Capture d\u2019e\u0301cran, le 2024-09-07 a\u0300 09.55.54\" data-image-description=\"\" data-medium-file=\"https:\/\/i0.wp.com\/itayachtscanada.com\/wp-content\/uploads\/2024\/09\/Capture-decran-le-2024-09-07-a-09.55.54.jpg?fit=197%2C300&#038;ssl=1\" data-large-file=\"https:\/\/i0.wp.com\/itayachtscanada.com\/wp-content\/uploads\/2024\/09\/Capture-decran-le-2024-09-07-a-09.55.54.jpg?fit=672%2C1024&#038;ssl=1\" src=\"https:\/\/i0.wp.com\/itayachtscanada.com\/wp-content\/uploads\/2024\/09\/Capture-decran-le-2024-09-07-a-09.55.54.jpg?w=171&#038;h=261&#038;ssl=1\" srcset=\"https:\/\/i0.wp.com\/itayachtscanada.com\/wp-content\/uploads\/2024\/09\/Capture-decran-le-2024-09-07-a-09.55.54.jpg?w=676&amp;ssl=1 676w, https:\/\/i0.wp.com\/itayachtscanada.com\/wp-content\/uploads\/2024\/09\/Capture-decran-le-2024-09-07-a-09.55.54.jpg?resize=197%2C300&amp;ssl=1 197w, https:\/\/i0.wp.com\/itayachtscanada.com\/wp-content\/uploads\/2024\/09\/Capture-decran-le-2024-09-07-a-09.55.54.jpg?resize=672%2C1024&amp;ssl=1 672w, https:\/\/i0.wp.com\/itayachtscanada.com\/wp-content\/uploads\/2024\/09\/Capture-decran-le-2024-09-07-a-09.55.54.jpg?resize=263%2C400&amp;ssl=1 263w\" width=\"171\" height=\"261\" loading=\"lazy\" data-original-width=\"171\" data-original-height=\"261\" itemprop=\"http:\/\/schema.org\/image\" title=\"Capture d\u2019e\u0301cran, le 2024-09-07 a\u0300 09.55.54\" alt=\"Capture d\u2019e\u0301cran, le 2024-09-07 a\u0300 09.55.54\" style=\"width: 171px; height: 261px;\" \/> <\/a> <\/div> <\/div> <!-- close group --> <div class=\"gallery-group images-1\" style=\"width: 175px; height: 265px;\" data-original-width=\"175\" data-original-height=\"265\" > <div class=\"tiled-gallery-item tiled-gallery-item-small\" itemprop=\"associatedMedia\" itemscope itemtype=\"http:\/\/schema.org\/ImageObject\"> <a href=\"https:\/\/itayachtscanada.com\/fr\/listing\/sirena-68-2022-2950000-usd-for-sale\/capture-decran-le-2024-09-07-a-09-55-51\/\" border=\"0\" itemprop=\"url\"> <meta itemprop=\"width\" content=\"171\"> <meta itemprop=\"height\" content=\"261\"> <img decoding=\"async\" class=\"\" data-attachment-id=\"176448\" data-orig-file=\"https:\/\/itayachtscanada.com\/wp-content\/uploads\/2024\/09\/Capture-decran-le-2024-09-07-a-09.55.51.jpg\" data-orig-size=\"676,1030\" data-comments-opened=\"1\" data-image-meta=\"{&quot;aperture&quot;:&quot;0&quot;,&quot;credit&quot;:&quot;&quot;,&quot;camera&quot;:&quot;&quot;,&quot;caption&quot;:&quot;&quot;,&quot;created_timestamp&quot;:&quot;0&quot;,&quot;copyright&quot;:&quot;&quot;,&quot;focal_length&quot;:&quot;0&quot;,&quot;iso&quot;:&quot;0&quot;,&quot;shutter_speed&quot;:&quot;0&quot;,&quot;title&quot;:&quot;&quot;,&quot;orientation&quot;:&quot;0&quot;}\" data-image-title=\"Capture d\u2019e\u0301cran, le 2024-09-07 a\u0300 09.55.51\" data-image-description=\"\" data-medium-file=\"https:\/\/i0.wp.com\/itayachtscanada.com\/wp-content\/uploads\/2024\/09\/Capture-decran-le-2024-09-07-a-09.55.51.jpg?fit=197%2C300&#038;ssl=1\" data-large-file=\"https:\/\/i0.wp.com\/itayachtscanada.com\/wp-content\/uploads\/2024\/09\/Capture-decran-le-2024-09-07-a-09.55.51.jpg?fit=672%2C1024&#038;ssl=1\" src=\"https:\/\/i0.wp.com\/itayachtscanada.com\/wp-content\/uploads\/2024\/09\/Capture-decran-le-2024-09-07-a-09.55.51.jpg?w=171&#038;h=261&#038;ssl=1\" srcset=\"https:\/\/i0.wp.com\/itayachtscanada.com\/wp-content\/uploads\/2024\/09\/Capture-decran-le-2024-09-07-a-09.55.51.jpg?w=676&amp;ssl=1 676w, https:\/\/i0.wp.com\/itayachtscanada.com\/wp-content\/uploads\/2024\/09\/Capture-decran-le-2024-09-07-a-09.55.51.jpg?resize=197%2C300&amp;ssl=1 197w, https:\/\/i0.wp.com\/itayachtscanada.com\/wp-content\/uploads\/2024\/09\/Capture-decran-le-2024-09-07-a-09.55.51.jpg?resize=672%2C1024&amp;ssl=1 672w, https:\/\/i0.wp.com\/itayachtscanada.com\/wp-content\/uploads\/2024\/09\/Capture-decran-le-2024-09-07-a-09.55.51.jpg?resize=263%2C400&amp;ssl=1 263w\" width=\"171\" height=\"261\" loading=\"lazy\" data-original-width=\"171\" data-original-height=\"261\" itemprop=\"http:\/\/schema.org\/image\" title=\"Capture d\u2019e\u0301cran, le 2024-09-07 a\u0300 09.55.51\" alt=\"Capture d\u2019e\u0301cran, le 2024-09-07 a\u0300 09.55.51\" style=\"width: 171px; height: 261px;\" \/> <\/a> <\/div> <\/div> <!-- close group --> <div class=\"gallery-group images-1\" style=\"width: 175px; height: 265px;\" data-original-width=\"175\" data-original-height=\"265\" > <div class=\"tiled-gallery-item tiled-gallery-item-small\" itemprop=\"associatedMedia\" itemscope itemtype=\"http:\/\/schema.org\/ImageObject\"> <a href=\"https:\/\/itayachtscanada.com\/fr\/listing\/sirena-68-2022-2950000-usd-for-sale\/capture-decran-le-2024-09-07-a-09-55-48\/\" border=\"0\" itemprop=\"url\"> <meta itemprop=\"width\" content=\"171\"> <meta itemprop=\"height\" content=\"261\"> <img decoding=\"async\" class=\"\" data-attachment-id=\"176449\" data-orig-file=\"https:\/\/itayachtscanada.com\/wp-content\/uploads\/2024\/09\/Capture-decran-le-2024-09-07-a-09.55.48.jpg\" data-orig-size=\"676,1030\" data-comments-opened=\"1\" data-image-meta=\"{&quot;aperture&quot;:&quot;0&quot;,&quot;credit&quot;:&quot;&quot;,&quot;camera&quot;:&quot;&quot;,&quot;caption&quot;:&quot;&quot;,&quot;created_timestamp&quot;:&quot;0&quot;,&quot;copyright&quot;:&quot;&quot;,&quot;focal_length&quot;:&quot;0&quot;,&quot;iso&quot;:&quot;0&quot;,&quot;shutter_speed&quot;:&quot;0&quot;,&quot;title&quot;:&quot;&quot;,&quot;orientation&quot;:&quot;0&quot;}\" data-image-title=\"Capture d\u2019e\u0301cran, le 2024-09-07 a\u0300 09.55.48\" data-image-description=\"\" data-medium-file=\"https:\/\/i0.wp.com\/itayachtscanada.com\/wp-content\/uploads\/2024\/09\/Capture-decran-le-2024-09-07-a-09.55.48.jpg?fit=197%2C300&#038;ssl=1\" data-large-file=\"https:\/\/i0.wp.com\/itayachtscanada.com\/wp-content\/uploads\/2024\/09\/Capture-decran-le-2024-09-07-a-09.55.48.jpg?fit=672%2C1024&#038;ssl=1\" src=\"https:\/\/i0.wp.com\/itayachtscanada.com\/wp-content\/uploads\/2024\/09\/Capture-decran-le-2024-09-07-a-09.55.48.jpg?w=171&#038;h=261&#038;ssl=1\" srcset=\"https:\/\/i0.wp.com\/itayachtscanada.com\/wp-content\/uploads\/2024\/09\/Capture-decran-le-2024-09-07-a-09.55.48.jpg?w=676&amp;ssl=1 676w, https:\/\/i0.wp.com\/itayachtscanada.com\/wp-content\/uploads\/2024\/09\/Capture-decran-le-2024-09-07-a-09.55.48.jpg?resize=197%2C300&amp;ssl=1 197w, https:\/\/i0.wp.com\/itayachtscanada.com\/wp-content\/uploads\/2024\/09\/Capture-decran-le-2024-09-07-a-09.55.48.jpg?resize=672%2C1024&amp;ssl=1 672w, https:\/\/i0.wp.com\/itayachtscanada.com\/wp-content\/uploads\/2024\/09\/Capture-decran-le-2024-09-07-a-09.55.48.jpg?resize=263%2C400&amp;ssl=1 263w\" width=\"171\" height=\"261\" loading=\"lazy\" data-original-width=\"171\" data-original-height=\"261\" itemprop=\"http:\/\/schema.org\/image\" title=\"Capture d\u2019e\u0301cran, le 2024-09-07 a\u0300 09.55.48\" alt=\"Capture d\u2019e\u0301cran, le 2024-09-07 a\u0300 09.55.48\" style=\"width: 171px; height: 261px;\" \/> <\/a> <\/div> <\/div> <!-- close group --> <div class=\"gallery-group images-1\" style=\"width: 175px; height: 265px;\" data-original-width=\"175\" data-original-height=\"265\" > <div class=\"tiled-gallery-item tiled-gallery-item-small\" itemprop=\"associatedMedia\" itemscope itemtype=\"http:\/\/schema.org\/ImageObject\"> <a href=\"https:\/\/itayachtscanada.com\/fr\/listing\/sirena-68-2022-2950000-usd-for-sale\/capture-decran-le-2024-09-07-a-09-55-37\/\" border=\"0\" itemprop=\"url\"> <meta itemprop=\"width\" content=\"171\"> <meta itemprop=\"height\" content=\"261\"> <img decoding=\"async\" class=\"\" data-attachment-id=\"176450\" data-orig-file=\"https:\/\/itayachtscanada.com\/wp-content\/uploads\/2024\/09\/Capture-decran-le-2024-09-07-a-09.55.37.jpg\" data-orig-size=\"676,1030\" data-comments-opened=\"1\" data-image-meta=\"{&quot;aperture&quot;:&quot;0&quot;,&quot;credit&quot;:&quot;&quot;,&quot;camera&quot;:&quot;&quot;,&quot;caption&quot;:&quot;&quot;,&quot;created_timestamp&quot;:&quot;0&quot;,&quot;copyright&quot;:&quot;&quot;,&quot;focal_length&quot;:&quot;0&quot;,&quot;iso&quot;:&quot;0&quot;,&quot;shutter_speed&quot;:&quot;0&quot;,&quot;title&quot;:&quot;&quot;,&quot;orientation&quot;:&quot;0&quot;}\" data-image-title=\"Capture d\u2019e\u0301cran, le 2024-09-07 a\u0300 09.55.37\" data-image-description=\"\" data-medium-file=\"https:\/\/i0.wp.com\/itayachtscanada.com\/wp-content\/uploads\/2024\/09\/Capture-decran-le-2024-09-07-a-09.55.37.jpg?fit=197%2C300&#038;ssl=1\" data-large-file=\"https:\/\/i0.wp.com\/itayachtscanada.com\/wp-content\/uploads\/2024\/09\/Capture-decran-le-2024-09-07-a-09.55.37.jpg?fit=672%2C1024&#038;ssl=1\" src=\"https:\/\/i0.wp.com\/itayachtscanada.com\/wp-content\/uploads\/2024\/09\/Capture-decran-le-2024-09-07-a-09.55.37.jpg?w=171&#038;h=261&#038;ssl=1\" srcset=\"https:\/\/i0.wp.com\/itayachtscanada.com\/wp-content\/uploads\/2024\/09\/Capture-decran-le-2024-09-07-a-09.55.37.jpg?w=676&amp;ssl=1 676w, https:\/\/i0.wp.com\/itayachtscanada.com\/wp-content\/uploads\/2024\/09\/Capture-decran-le-2024-09-07-a-09.55.37.jpg?resize=197%2C300&amp;ssl=1 197w, https:\/\/i0.wp.com\/itayachtscanada.com\/wp-content\/uploads\/2024\/09\/Capture-decran-le-2024-09-07-a-09.55.37.jpg?resize=672%2C1024&amp;ssl=1 672w, https:\/\/i0.wp.com\/itayachtscanada.com\/wp-content\/uploads\/2024\/09\/Capture-decran-le-2024-09-07-a-09.55.37.jpg?resize=263%2C400&amp;ssl=1 263w\" width=\"171\" height=\"261\" loading=\"lazy\" data-original-width=\"171\" data-original-height=\"261\" itemprop=\"http:\/\/schema.org\/image\" title=\"Capture d\u2019e\u0301cran, le 2024-09-07 a\u0300 09.55.37\" alt=\"Capture d\u2019e\u0301cran, le 2024-09-07 a\u0300 09.55.37\" style=\"width: 171px; height: 261px;\" \/> <\/a> <\/div> <\/div> <!-- close group --> <\/div> <!-- close row --> <div class=\"gallery-row\" style=\"width: 700px; height: 314px;\" data-original-width=\"700\" data-original-height=\"314\" > <div class=\"gallery-group images-1\" style=\"width: 488px; height: 314px;\" data-original-width=\"488\" data-original-height=\"314\" > <div class=\"tiled-gallery-item tiled-gallery-item-large\" itemprop=\"associatedMedia\" itemscope itemtype=\"http:\/\/schema.org\/ImageObject\"> <a href=\"https:\/\/itayachtscanada.com\/fr\/listing\/sirena-68-2022-2950000-usd-for-sale\/capture-decran-le-2024-09-07-a-09-55-28\/\" border=\"0\" itemprop=\"url\"> <meta itemprop=\"width\" content=\"484\"> <meta itemprop=\"height\" content=\"310\"> <img decoding=\"async\" class=\"\" data-attachment-id=\"176451\" data-orig-file=\"https:\/\/itayachtscanada.com\/wp-content\/uploads\/2024\/09\/Capture-decran-le-2024-09-07-a-09.55.28.jpg\" data-orig-size=\"1564,1002\" data-comments-opened=\"1\" data-image-meta=\"{&quot;aperture&quot;:&quot;0&quot;,&quot;credit&quot;:&quot;&quot;,&quot;camera&quot;:&quot;&quot;,&quot;caption&quot;:&quot;&quot;,&quot;created_timestamp&quot;:&quot;0&quot;,&quot;copyright&quot;:&quot;&quot;,&quot;focal_length&quot;:&quot;0&quot;,&quot;iso&quot;:&quot;0&quot;,&quot;shutter_speed&quot;:&quot;0&quot;,&quot;title&quot;:&quot;&quot;,&quot;orientation&quot;:&quot;0&quot;}\" data-image-title=\"Capture d\u2019e\u0301cran, le 2024-09-07 a\u0300 09.55.28\" data-image-description=\"\" data-medium-file=\"https:\/\/i0.wp.com\/itayachtscanada.com\/wp-content\/uploads\/2024\/09\/Capture-decran-le-2024-09-07-a-09.55.28.jpg?fit=300%2C192&#038;ssl=1\" data-large-file=\"https:\/\/i0.wp.com\/itayachtscanada.com\/wp-content\/uploads\/2024\/09\/Capture-decran-le-2024-09-07-a-09.55.28.jpg?fit=700%2C448&#038;ssl=1\" src=\"https:\/\/i0.wp.com\/itayachtscanada.com\/wp-content\/uploads\/2024\/09\/Capture-decran-le-2024-09-07-a-09.55.28.jpg?w=484&#038;h=310&#038;ssl=1\" srcset=\"https:\/\/i0.wp.com\/itayachtscanada.com\/wp-content\/uploads\/2024\/09\/Capture-decran-le-2024-09-07-a-09.55.28.jpg?w=1564&amp;ssl=1 1564w, https:\/\/i0.wp.com\/itayachtscanada.com\/wp-content\/uploads\/2024\/09\/Capture-decran-le-2024-09-07-a-09.55.28.jpg?resize=300%2C192&amp;ssl=1 300w, https:\/\/i0.wp.com\/itayachtscanada.com\/wp-content\/uploads\/2024\/09\/Capture-decran-le-2024-09-07-a-09.55.28.jpg?resize=1024%2C656&amp;ssl=1 1024w, https:\/\/i0.wp.com\/itayachtscanada.com\/wp-content\/uploads\/2024\/09\/Capture-decran-le-2024-09-07-a-09.55.28.jpg?resize=768%2C492&amp;ssl=1 768w, https:\/\/i0.wp.com\/itayachtscanada.com\/wp-content\/uploads\/2024\/09\/Capture-decran-le-2024-09-07-a-09.55.28.jpg?resize=1536%2C984&amp;ssl=1 1536w, https:\/\/i0.wp.com\/itayachtscanada.com\/wp-content\/uploads\/2024\/09\/Capture-decran-le-2024-09-07-a-09.55.28.jpg?resize=700%2C448&amp;ssl=1 700w, https:\/\/i0.wp.com\/itayachtscanada.com\/wp-content\/uploads\/2024\/09\/Capture-decran-le-2024-09-07-a-09.55.28.jpg?resize=624%2C400&amp;ssl=1 624w, https:\/\/i0.wp.com\/itayachtscanada.com\/wp-content\/uploads\/2024\/09\/Capture-decran-le-2024-09-07-a-09.55.28.jpg?w=1400&amp;ssl=1 1400w\" width=\"484\" height=\"310\" loading=\"lazy\" data-original-width=\"484\" data-original-height=\"310\" itemprop=\"http:\/\/schema.org\/image\" title=\"Capture d\u2019e\u0301cran, le 2024-09-07 a\u0300 09.55.28\" alt=\"Capture d\u2019e\u0301cran, le 2024-09-07 a\u0300 09.55.28\" style=\"width: 484px; height: 310px;\" \/> <\/a> <\/div> <\/div> <!-- close group --> <div class=\"gallery-group images-1\" style=\"width: 212px; height: 314px;\" data-original-width=\"212\" data-original-height=\"314\" > <div class=\"tiled-gallery-item tiled-gallery-item-small\" itemprop=\"associatedMedia\" itemscope itemtype=\"http:\/\/schema.org\/ImageObject\"> <a href=\"https:\/\/itayachtscanada.com\/fr\/listing\/sirena-68-2022-2950000-usd-for-sale\/capture-decran-le-2024-09-07-a-09-55-23\/\" border=\"0\" itemprop=\"url\"> <meta itemprop=\"width\" content=\"208\"> <meta itemprop=\"height\" content=\"310\"> <img decoding=\"async\" class=\"\" data-attachment-id=\"176452\" data-orig-file=\"https:\/\/itayachtscanada.com\/wp-content\/uploads\/2024\/09\/Capture-decran-le-2024-09-07-a-09.55.23.jpg\" data-orig-size=\"672,1002\" data-comments-opened=\"1\" data-image-meta=\"{&quot;aperture&quot;:&quot;0&quot;,&quot;credit&quot;:&quot;&quot;,&quot;camera&quot;:&quot;&quot;,&quot;caption&quot;:&quot;&quot;,&quot;created_timestamp&quot;:&quot;0&quot;,&quot;copyright&quot;:&quot;&quot;,&quot;focal_length&quot;:&quot;0&quot;,&quot;iso&quot;:&quot;0&quot;,&quot;shutter_speed&quot;:&quot;0&quot;,&quot;title&quot;:&quot;&quot;,&quot;orientation&quot;:&quot;0&quot;}\" data-image-title=\"Capture d\u2019e\u0301cran, le 2024-09-07 a\u0300 09.55.23\" data-image-description=\"\" data-medium-file=\"https:\/\/i0.wp.com\/itayachtscanada.com\/wp-content\/uploads\/2024\/09\/Capture-decran-le-2024-09-07-a-09.55.23.jpg?fit=201%2C300&#038;ssl=1\" data-large-file=\"https:\/\/i0.wp.com\/itayachtscanada.com\/wp-content\/uploads\/2024\/09\/Capture-decran-le-2024-09-07-a-09.55.23.jpg?fit=672%2C1002&#038;ssl=1\" src=\"https:\/\/i0.wp.com\/itayachtscanada.com\/wp-content\/uploads\/2024\/09\/Capture-decran-le-2024-09-07-a-09.55.23.jpg?w=208&#038;h=310&#038;ssl=1\" srcset=\"https:\/\/i0.wp.com\/itayachtscanada.com\/wp-content\/uploads\/2024\/09\/Capture-decran-le-2024-09-07-a-09.55.23.jpg?w=672&amp;ssl=1 672w, https:\/\/i0.wp.com\/itayachtscanada.com\/wp-content\/uploads\/2024\/09\/Capture-decran-le-2024-09-07-a-09.55.23.jpg?resize=201%2C300&amp;ssl=1 201w, https:\/\/i0.wp.com\/itayachtscanada.com\/wp-content\/uploads\/2024\/09\/Capture-decran-le-2024-09-07-a-09.55.23.jpg?resize=268%2C400&amp;ssl=1 268w\" width=\"208\" height=\"310\" loading=\"lazy\" data-original-width=\"208\" data-original-height=\"310\" itemprop=\"http:\/\/schema.org\/image\" title=\"Capture d\u2019e\u0301cran, le 2024-09-07 a\u0300 09.55.23\" alt=\"Capture d\u2019e\u0301cran, le 2024-09-07 a\u0300 09.55.23\" style=\"width: 208px; height: 310px;\" \/> <\/a> <\/div> <\/div> <!-- close group --> <\/div> <!-- close row --> <div class=\"gallery-row\" style=\"width: 700px; height: 259px;\" data-original-width=\"700\" data-original-height=\"259\" > <div class=\"gallery-group images-1\" style=\"width: 175px; height: 259px;\" data-original-width=\"175\" data-original-height=\"259\" > <div class=\"tiled-gallery-item tiled-gallery-item-small\" itemprop=\"associatedMedia\" itemscope itemtype=\"http:\/\/schema.org\/ImageObject\"> <a href=\"https:\/\/itayachtscanada.com\/fr\/listing\/sirena-68-2022-2950000-usd-for-sale\/capture-decran-le-2024-09-07-a-09-55-16\/\" border=\"0\" itemprop=\"url\"> <meta itemprop=\"width\" content=\"171\"> <meta itemprop=\"height\" content=\"255\"> <img decoding=\"async\" class=\"\" data-attachment-id=\"176453\" data-orig-file=\"https:\/\/itayachtscanada.com\/wp-content\/uploads\/2024\/09\/Capture-decran-le-2024-09-07-a-09.55.16.jpg\" data-orig-size=\"672,1002\" data-comments-opened=\"1\" data-image-meta=\"{&quot;aperture&quot;:&quot;0&quot;,&quot;credit&quot;:&quot;&quot;,&quot;camera&quot;:&quot;&quot;,&quot;caption&quot;:&quot;&quot;,&quot;created_timestamp&quot;:&quot;0&quot;,&quot;copyright&quot;:&quot;&quot;,&quot;focal_length&quot;:&quot;0&quot;,&quot;iso&quot;:&quot;0&quot;,&quot;shutter_speed&quot;:&quot;0&quot;,&quot;title&quot;:&quot;&quot;,&quot;orientation&quot;:&quot;0&quot;}\" data-image-title=\"Capture d\u2019e\u0301cran, le 2024-09-07 a\u0300 09.55.16\" data-image-description=\"\" data-medium-file=\"https:\/\/i0.wp.com\/itayachtscanada.com\/wp-content\/uploads\/2024\/09\/Capture-decran-le-2024-09-07-a-09.55.16.jpg?fit=201%2C300&#038;ssl=1\" data-large-file=\"https:\/\/i0.wp.com\/itayachtscanada.com\/wp-content\/uploads\/2024\/09\/Capture-decran-le-2024-09-07-a-09.55.16.jpg?fit=672%2C1002&#038;ssl=1\" src=\"https:\/\/i0.wp.com\/itayachtscanada.com\/wp-content\/uploads\/2024\/09\/Capture-decran-le-2024-09-07-a-09.55.16.jpg?w=171&#038;h=255&#038;ssl=1\" srcset=\"https:\/\/i0.wp.com\/itayachtscanada.com\/wp-content\/uploads\/2024\/09\/Capture-decran-le-2024-09-07-a-09.55.16.jpg?w=672&amp;ssl=1 672w, https:\/\/i0.wp.com\/itayachtscanada.com\/wp-content\/uploads\/2024\/09\/Capture-decran-le-2024-09-07-a-09.55.16.jpg?resize=201%2C300&amp;ssl=1 201w, https:\/\/i0.wp.com\/itayachtscanada.com\/wp-content\/uploads\/2024\/09\/Capture-decran-le-2024-09-07-a-09.55.16.jpg?resize=268%2C400&amp;ssl=1 268w\" width=\"171\" height=\"255\" loading=\"lazy\" data-original-width=\"171\" data-original-height=\"255\" itemprop=\"http:\/\/schema.org\/image\" title=\"Capture d\u2019e\u0301cran, le 2024-09-07 a\u0300 09.55.16\" alt=\"Capture d\u2019e\u0301cran, le 2024-09-07 a\u0300 09.55.16\" style=\"width: 171px; height: 255px;\" \/> <\/a> <\/div> <\/div> <!-- close group --> <div class=\"gallery-group images-1\" style=\"width: 175px; height: 259px;\" data-original-width=\"175\" data-original-height=\"259\" > <div class=\"tiled-gallery-item tiled-gallery-item-small\" itemprop=\"associatedMedia\" itemscope itemtype=\"http:\/\/schema.org\/ImageObject\"> <a href=\"https:\/\/itayachtscanada.com\/fr\/listing\/sirena-68-2022-2950000-usd-for-sale\/capture-decran-le-2024-09-07-a-09-55-09\/\" border=\"0\" itemprop=\"url\"> <meta itemprop=\"width\" content=\"171\"> <meta itemprop=\"height\" content=\"255\"> <img decoding=\"async\" class=\"\" data-attachment-id=\"176454\" data-orig-file=\"https:\/\/itayachtscanada.com\/wp-content\/uploads\/2024\/09\/Capture-decran-le-2024-09-07-a-09.55.09.jpg\" data-orig-size=\"622,926\" data-comments-opened=\"1\" data-image-meta=\"{&quot;aperture&quot;:&quot;0&quot;,&quot;credit&quot;:&quot;&quot;,&quot;camera&quot;:&quot;&quot;,&quot;caption&quot;:&quot;&quot;,&quot;created_timestamp&quot;:&quot;0&quot;,&quot;copyright&quot;:&quot;&quot;,&quot;focal_length&quot;:&quot;0&quot;,&quot;iso&quot;:&quot;0&quot;,&quot;shutter_speed&quot;:&quot;0&quot;,&quot;title&quot;:&quot;&quot;,&quot;orientation&quot;:&quot;0&quot;}\" data-image-title=\"Capture d\u2019e\u0301cran, le 2024-09-07 a\u0300 09.55.09\" data-image-description=\"\" data-medium-file=\"https:\/\/i0.wp.com\/itayachtscanada.com\/wp-content\/uploads\/2024\/09\/Capture-decran-le-2024-09-07-a-09.55.09.jpg?fit=202%2C300&#038;ssl=1\" data-large-file=\"https:\/\/i0.wp.com\/itayachtscanada.com\/wp-content\/uploads\/2024\/09\/Capture-decran-le-2024-09-07-a-09.55.09.jpg?fit=622%2C926&#038;ssl=1\" src=\"https:\/\/i0.wp.com\/itayachtscanada.com\/wp-content\/uploads\/2024\/09\/Capture-decran-le-2024-09-07-a-09.55.09.jpg?w=171&#038;h=255&#038;ssl=1\" srcset=\"https:\/\/i0.wp.com\/itayachtscanada.com\/wp-content\/uploads\/2024\/09\/Capture-decran-le-2024-09-07-a-09.55.09.jpg?w=622&amp;ssl=1 622w, https:\/\/i0.wp.com\/itayachtscanada.com\/wp-content\/uploads\/2024\/09\/Capture-decran-le-2024-09-07-a-09.55.09.jpg?resize=202%2C300&amp;ssl=1 202w, https:\/\/i0.wp.com\/itayachtscanada.com\/wp-content\/uploads\/2024\/09\/Capture-decran-le-2024-09-07-a-09.55.09.jpg?resize=269%2C400&amp;ssl=1 269w\" width=\"171\" height=\"255\" loading=\"lazy\" data-original-width=\"171\" data-original-height=\"255\" itemprop=\"http:\/\/schema.org\/image\" title=\"Capture d\u2019e\u0301cran, le 2024-09-07 a\u0300 09.55.09\" alt=\"Capture d\u2019e\u0301cran, le 2024-09-07 a\u0300 09.55.09\" style=\"width: 171px; height: 255px;\" \/> <\/a> <\/div> <\/div> <!-- close group --> <div class=\"gallery-group images-1\" style=\"width: 175px; height: 259px;\" data-original-width=\"175\" data-original-height=\"259\" > <div class=\"tiled-gallery-item tiled-gallery-item-small\" itemprop=\"associatedMedia\" itemscope itemtype=\"http:\/\/schema.org\/ImageObject\"> <a href=\"https:\/\/itayachtscanada.com\/fr\/listing\/sirena-68-2022-2950000-usd-for-sale\/capture-decran-le-2024-09-07-a-09-55-05\/\" border=\"0\" itemprop=\"url\"> <meta itemprop=\"width\" content=\"171\"> <meta itemprop=\"height\" content=\"255\"> <img decoding=\"async\" class=\"\" data-attachment-id=\"176455\" data-orig-file=\"https:\/\/itayachtscanada.com\/wp-content\/uploads\/2024\/09\/Capture-decran-le-2024-09-07-a-09.55.05.jpg\" data-orig-size=\"622,926\" data-comments-opened=\"1\" data-image-meta=\"{&quot;aperture&quot;:&quot;0&quot;,&quot;credit&quot;:&quot;&quot;,&quot;camera&quot;:&quot;&quot;,&quot;caption&quot;:&quot;&quot;,&quot;created_timestamp&quot;:&quot;0&quot;,&quot;copyright&quot;:&quot;&quot;,&quot;focal_length&quot;:&quot;0&quot;,&quot;iso&quot;:&quot;0&quot;,&quot;shutter_speed&quot;:&quot;0&quot;,&quot;title&quot;:&quot;&quot;,&quot;orientation&quot;:&quot;0&quot;}\" data-image-title=\"Capture d\u2019e\u0301cran, le 2024-09-07 a\u0300 09.55.05\" data-image-description=\"\" data-medium-file=\"https:\/\/i0.wp.com\/itayachtscanada.com\/wp-content\/uploads\/2024\/09\/Capture-decran-le-2024-09-07-a-09.55.05.jpg?fit=202%2C300&#038;ssl=1\" data-large-file=\"https:\/\/i0.wp.com\/itayachtscanada.com\/wp-content\/uploads\/2024\/09\/Capture-decran-le-2024-09-07-a-09.55.05.jpg?fit=622%2C926&#038;ssl=1\" src=\"https:\/\/i0.wp.com\/itayachtscanada.com\/wp-content\/uploads\/2024\/09\/Capture-decran-le-2024-09-07-a-09.55.05.jpg?w=171&#038;h=255&#038;ssl=1\" srcset=\"https:\/\/i0.wp.com\/itayachtscanada.com\/wp-content\/uploads\/2024\/09\/Capture-decran-le-2024-09-07-a-09.55.05.jpg?w=622&amp;ssl=1 622w, https:\/\/i0.wp.com\/itayachtscanada.com\/wp-content\/uploads\/2024\/09\/Capture-decran-le-2024-09-07-a-09.55.05.jpg?resize=202%2C300&amp;ssl=1 202w, https:\/\/i0.wp.com\/itayachtscanada.com\/wp-content\/uploads\/2024\/09\/Capture-decran-le-2024-09-07-a-09.55.05.jpg?resize=269%2C400&amp;ssl=1 269w\" width=\"171\" height=\"255\" loading=\"lazy\" data-original-width=\"171\" data-original-height=\"255\" itemprop=\"http:\/\/schema.org\/image\" title=\"Capture d\u2019e\u0301cran, le 2024-09-07 a\u0300 09.55.05\" alt=\"Capture d\u2019e\u0301cran, le 2024-09-07 a\u0300 09.55.05\" style=\"width: 171px; height: 255px;\" \/> <\/a> <\/div> <\/div> <!-- close group --> <div class=\"gallery-group images-1\" style=\"width: 175px; height: 259px;\" data-original-width=\"175\" data-original-height=\"259\" > <div class=\"tiled-gallery-item tiled-gallery-item-small\" itemprop=\"associatedMedia\" itemscope itemtype=\"http:\/\/schema.org\/ImageObject\"> <a href=\"https:\/\/itayachtscanada.com\/fr\/listing\/sirena-68-2022-2950000-usd-for-sale\/capture-decran-le-2024-09-07-a-09-54-56\/\" border=\"0\" itemprop=\"url\"> <meta itemprop=\"width\" content=\"171\"> <meta itemprop=\"height\" content=\"255\"> <img decoding=\"async\" class=\"\" data-attachment-id=\"176456\" data-orig-file=\"https:\/\/itayachtscanada.com\/wp-content\/uploads\/2024\/09\/Capture-decran-le-2024-09-07-a-09.54.56.jpg\" data-orig-size=\"622,926\" data-comments-opened=\"1\" data-image-meta=\"{&quot;aperture&quot;:&quot;0&quot;,&quot;credit&quot;:&quot;&quot;,&quot;camera&quot;:&quot;&quot;,&quot;caption&quot;:&quot;&quot;,&quot;created_timestamp&quot;:&quot;0&quot;,&quot;copyright&quot;:&quot;&quot;,&quot;focal_length&quot;:&quot;0&quot;,&quot;iso&quot;:&quot;0&quot;,&quot;shutter_speed&quot;:&quot;0&quot;,&quot;title&quot;:&quot;&quot;,&quot;orientation&quot;:&quot;0&quot;}\" data-image-title=\"Capture d\u2019e\u0301cran, le 2024-09-07 a\u0300 09.54.56\" data-image-description=\"\" data-medium-file=\"https:\/\/i0.wp.com\/itayachtscanada.com\/wp-content\/uploads\/2024\/09\/Capture-decran-le-2024-09-07-a-09.54.56.jpg?fit=202%2C300&#038;ssl=1\" data-large-file=\"https:\/\/i0.wp.com\/itayachtscanada.com\/wp-content\/uploads\/2024\/09\/Capture-decran-le-2024-09-07-a-09.54.56.jpg?fit=622%2C926&#038;ssl=1\" src=\"https:\/\/i0.wp.com\/itayachtscanada.com\/wp-content\/uploads\/2024\/09\/Capture-decran-le-2024-09-07-a-09.54.56.jpg?w=171&#038;h=255&#038;ssl=1\" srcset=\"https:\/\/i0.wp.com\/itayachtscanada.com\/wp-content\/uploads\/2024\/09\/Capture-decran-le-2024-09-07-a-09.54.56.jpg?w=622&amp;ssl=1 622w, https:\/\/i0.wp.com\/itayachtscanada.com\/wp-content\/uploads\/2024\/09\/Capture-decran-le-2024-09-07-a-09.54.56.jpg?resize=202%2C300&amp;ssl=1 202w, https:\/\/i0.wp.com\/itayachtscanada.com\/wp-content\/uploads\/2024\/09\/Capture-decran-le-2024-09-07-a-09.54.56.jpg?resize=269%2C400&amp;ssl=1 269w\" width=\"171\" height=\"255\" loading=\"lazy\" data-original-width=\"171\" data-original-height=\"255\" itemprop=\"http:\/\/schema.org\/image\" title=\"Capture d\u2019e\u0301cran, le 2024-09-07 a\u0300 09.54.56\" alt=\"Capture d\u2019e\u0301cran, le 2024-09-07 a\u0300 09.54.56\" style=\"width: 171px; height: 255px;\" \/> <\/a> <\/div> <\/div> <!-- close group --> <\/div> <!-- close row --> <div class=\"gallery-row\" style=\"width: 700px; height: 146px;\" data-original-width=\"700\" data-original-height=\"146\" > <div class=\"gallery-group images-1\" style=\"width: 190px; height: 146px;\" data-original-width=\"190\" data-original-height=\"146\" > <div class=\"tiled-gallery-item tiled-gallery-item-small\" itemprop=\"associatedMedia\" itemscope itemtype=\"http:\/\/schema.org\/ImageObject\"> <a href=\"https:\/\/itayachtscanada.com\/fr\/listing\/sirena-68-2022-2950000-usd-for-sale\/layout-sirena-68-fly\/\" border=\"0\" itemprop=\"url\"> <meta itemprop=\"width\" content=\"186\"> <meta itemprop=\"height\" content=\"142\"> <img decoding=\"async\" class=\"\" data-attachment-id=\"176464\" data-orig-file=\"https:\/\/itayachtscanada.com\/wp-content\/uploads\/2024\/09\/Layout-Sirena-68-Fly.jpg\" data-orig-size=\"800,613\" data-comments-opened=\"1\" data-image-meta=\"{&quot;aperture&quot;:&quot;0&quot;,&quot;credit&quot;:&quot;&quot;,&quot;camera&quot;:&quot;&quot;,&quot;caption&quot;:&quot;&quot;,&quot;created_timestamp&quot;:&quot;0&quot;,&quot;copyright&quot;:&quot;&quot;,&quot;focal_length&quot;:&quot;0&quot;,&quot;iso&quot;:&quot;0&quot;,&quot;shutter_speed&quot;:&quot;0&quot;,&quot;title&quot;:&quot;&quot;,&quot;orientation&quot;:&quot;0&quot;}\" data-image-title=\"Layout Sirena 68 Fly\" data-image-description=\"\" data-medium-file=\"https:\/\/i0.wp.com\/itayachtscanada.com\/wp-content\/uploads\/2024\/09\/Layout-Sirena-68-Fly.jpg?fit=300%2C230&#038;ssl=1\" data-large-file=\"https:\/\/i0.wp.com\/itayachtscanada.com\/wp-content\/uploads\/2024\/09\/Layout-Sirena-68-Fly.jpg?fit=700%2C536&#038;ssl=1\" src=\"https:\/\/i0.wp.com\/itayachtscanada.com\/wp-content\/uploads\/2024\/09\/Layout-Sirena-68-Fly.jpg?w=186&#038;h=142&#038;ssl=1\" srcset=\"https:\/\/i0.wp.com\/itayachtscanada.com\/wp-content\/uploads\/2024\/09\/Layout-Sirena-68-Fly.jpg?w=800&amp;ssl=1 800w, https:\/\/i0.wp.com\/itayachtscanada.com\/wp-content\/uploads\/2024\/09\/Layout-Sirena-68-Fly.jpg?resize=300%2C230&amp;ssl=1 300w, https:\/\/i0.wp.com\/itayachtscanada.com\/wp-content\/uploads\/2024\/09\/Layout-Sirena-68-Fly.jpg?resize=768%2C588&amp;ssl=1 768w, https:\/\/i0.wp.com\/itayachtscanada.com\/wp-content\/uploads\/2024\/09\/Layout-Sirena-68-Fly.jpg?resize=700%2C536&amp;ssl=1 700w, https:\/\/i0.wp.com\/itayachtscanada.com\/wp-content\/uploads\/2024\/09\/Layout-Sirena-68-Fly.jpg?resize=522%2C400&amp;ssl=1 522w\" width=\"186\" height=\"142\" loading=\"lazy\" data-original-width=\"186\" data-original-height=\"142\" itemprop=\"http:\/\/schema.org\/image\" title=\"Layout Sirena 68 Fly\" alt=\"Layout Sirena 68 Fly\" style=\"width: 186px; height: 142px;\" \/> <\/a> <\/div> <\/div> <!-- close group --> <div class=\"gallery-group images-1\" style=\"width: 510px; height: 146px;\" data-original-width=\"510\" data-original-height=\"146\" > <div class=\"tiled-gallery-item tiled-gallery-item-large\" itemprop=\"associatedMedia\" itemscope itemtype=\"http:\/\/schema.org\/ImageObject\"> <a href=\"https:\/\/itayachtscanada.com\/fr\/listing\/sirena-68-2022-2950000-usd-for-sale\/layout-sirena-68-main-deck-2\/\" border=\"0\" itemprop=\"url\"> <meta itemprop=\"width\" content=\"506\"> <meta itemprop=\"height\" content=\"142\"> <img decoding=\"async\" class=\"\" data-attachment-id=\"176463\" data-orig-file=\"https:\/\/itayachtscanada.com\/wp-content\/uploads\/2024\/09\/Layout-Sirena-68-main-deck.jpg\" data-orig-size=\"800,225\" data-comments-opened=\"1\" data-image-meta=\"{&quot;aperture&quot;:&quot;0&quot;,&quot;credit&quot;:&quot;&quot;,&quot;camera&quot;:&quot;&quot;,&quot;caption&quot;:&quot;&quot;,&quot;created_timestamp&quot;:&quot;0&quot;,&quot;copyright&quot;:&quot;&quot;,&quot;focal_length&quot;:&quot;0&quot;,&quot;iso&quot;:&quot;0&quot;,&quot;shutter_speed&quot;:&quot;0&quot;,&quot;title&quot;:&quot;&quot;,&quot;orientation&quot;:&quot;0&quot;}\" data-image-title=\"Layout Sirena 68 main deck\" data-image-description=\"\" data-medium-file=\"https:\/\/i0.wp.com\/itayachtscanada.com\/wp-content\/uploads\/2024\/09\/Layout-Sirena-68-main-deck.jpg?fit=300%2C84&#038;ssl=1\" data-large-file=\"https:\/\/i0.wp.com\/itayachtscanada.com\/wp-content\/uploads\/2024\/09\/Layout-Sirena-68-main-deck.jpg?fit=700%2C197&#038;ssl=1\" src=\"https:\/\/i0.wp.com\/itayachtscanada.com\/wp-content\/uploads\/2024\/09\/Layout-Sirena-68-main-deck.jpg?w=506&#038;h=142&#038;ssl=1\" srcset=\"https:\/\/i0.wp.com\/itayachtscanada.com\/wp-content\/uploads\/2024\/09\/Layout-Sirena-68-main-deck.jpg?w=800&amp;ssl=1 800w, https:\/\/i0.wp.com\/itayachtscanada.com\/wp-content\/uploads\/2024\/09\/Layout-Sirena-68-main-deck.jpg?resize=300%2C84&amp;ssl=1 300w, https:\/\/i0.wp.com\/itayachtscanada.com\/wp-content\/uploads\/2024\/09\/Layout-Sirena-68-main-deck.jpg?resize=768%2C216&amp;ssl=1 768w, https:\/\/i0.wp.com\/itayachtscanada.com\/wp-content\/uploads\/2024\/09\/Layout-Sirena-68-main-deck.jpg?resize=700%2C197&amp;ssl=1 700w\" width=\"506\" height=\"142\" loading=\"lazy\" data-original-width=\"506\" data-original-height=\"142\" itemprop=\"http:\/\/schema.org\/image\" title=\"Layout Sirena 68 main deck\" alt=\"Layout Sirena 68 main deck\" style=\"width: 506px; height: 142px;\" \/> <\/a> <\/div> <\/div> <!-- close group --> <\/div> <!-- close row --> <div class=\"gallery-row\" style=\"width: 700px; height: 280px;\" data-original-width=\"700\" data-original-height=\"280\" > <div class=\"gallery-group images-1\" style=\"width: 700px; height: 280px;\" data-original-width=\"700\" data-original-height=\"280\" > <div class=\"tiled-gallery-item tiled-gallery-item-large\" itemprop=\"associatedMedia\" itemscope itemtype=\"http:\/\/schema.org\/ImageObject\"> <a href=\"https:\/\/itayachtscanada.com\/fr\/listing\/sirena-68-2022-2950000-usd-for-sale\/layout-sirena-68-lower-deck-2\/\" border=\"0\" itemprop=\"url\"> <meta itemprop=\"width\" content=\"696\"> <meta itemprop=\"height\" content=\"276\"> <img decoding=\"async\" class=\"\" data-attachment-id=\"176465\" data-orig-file=\"https:\/\/itayachtscanada.com\/wp-content\/uploads\/2024\/09\/Layout-Sirena-68-lower-deck.jpg\" data-orig-size=\"800,317\" data-comments-opened=\"1\" data-image-meta=\"{&quot;aperture&quot;:&quot;0&quot;,&quot;credit&quot;:&quot;&quot;,&quot;camera&quot;:&quot;&quot;,&quot;caption&quot;:&quot;&quot;,&quot;created_timestamp&quot;:&quot;0&quot;,&quot;copyright&quot;:&quot;&quot;,&quot;focal_length&quot;:&quot;0&quot;,&quot;iso&quot;:&quot;0&quot;,&quot;shutter_speed&quot;:&quot;0&quot;,&quot;title&quot;:&quot;&quot;,&quot;orientation&quot;:&quot;0&quot;}\" data-image-title=\"Layout Sirena 68 lower deck\" data-image-description=\"\" data-medium-file=\"https:\/\/i0.wp.com\/itayachtscanada.com\/wp-content\/uploads\/2024\/09\/Layout-Sirena-68-lower-deck.jpg?fit=300%2C119&#038;ssl=1\" data-large-file=\"https:\/\/i0.wp.com\/itayachtscanada.com\/wp-content\/uploads\/2024\/09\/Layout-Sirena-68-lower-deck.jpg?fit=700%2C277&#038;ssl=1\" src=\"https:\/\/i0.wp.com\/itayachtscanada.com\/wp-content\/uploads\/2024\/09\/Layout-Sirena-68-lower-deck.jpg?w=696&#038;h=276&#038;ssl=1\" srcset=\"https:\/\/i0.wp.com\/itayachtscanada.com\/wp-content\/uploads\/2024\/09\/Layout-Sirena-68-lower-deck.jpg?w=800&amp;ssl=1 800w, https:\/\/i0.wp.com\/itayachtscanada.com\/wp-content\/uploads\/2024\/09\/Layout-Sirena-68-lower-deck.jpg?resize=300%2C119&amp;ssl=1 300w, https:\/\/i0.wp.com\/itayachtscanada.com\/wp-content\/uploads\/2024\/09\/Layout-Sirena-68-lower-deck.jpg?resize=768%2C304&amp;ssl=1 768w, https:\/\/i0.wp.com\/itayachtscanada.com\/wp-content\/uploads\/2024\/09\/Layout-Sirena-68-lower-deck.jpg?resize=700%2C277&amp;ssl=1 700w\" width=\"696\" height=\"276\" loading=\"lazy\" data-original-width=\"696\" data-original-height=\"276\" itemprop=\"http:\/\/schema.org\/image\" title=\"Layout Sirena 68 lower deck\" alt=\"Layout Sirena 68 lower deck\" style=\"width: 696px; height: 276px;\" \/> <\/a> <\/div> <\/div> <!-- close group --> <\/div> <!-- close row --> <div class=\"gallery-row\" style=\"width: 700px; height: 491px;\" data-original-width=\"700\" data-original-height=\"491\" > <div class=\"gallery-group images-2\" style=\"width: 372px; height: 491px;\" data-original-width=\"372\" data-original-height=\"491\" > <div class=\"tiled-gallery-item tiled-gallery-item-large\" itemprop=\"associatedMedia\" itemscope itemtype=\"http:\/\/schema.org\/ImageObject\"> <a href=\"https:\/\/itayachtscanada.com\/fr\/listing\/sirena-68-2022-2950000-usd-for-sale\/capture-decran-le-2024-09-07-a-09-54-36\/\" border=\"0\" itemprop=\"url\"> <meta itemprop=\"width\" content=\"368\"> <meta itemprop=\"height\" content=\"242\"> <img decoding=\"async\" class=\"\" data-attachment-id=\"176457\" data-orig-file=\"https:\/\/itayachtscanada.com\/wp-content\/uploads\/2024\/09\/Capture-decran-le-2024-09-07-a-09.54.36.jpg\" data-orig-size=\"1410,926\" data-comments-opened=\"1\" data-image-meta=\"{&quot;aperture&quot;:&quot;0&quot;,&quot;credit&quot;:&quot;&quot;,&quot;camera&quot;:&quot;&quot;,&quot;caption&quot;:&quot;&quot;,&quot;created_timestamp&quot;:&quot;0&quot;,&quot;copyright&quot;:&quot;&quot;,&quot;focal_length&quot;:&quot;0&quot;,&quot;iso&quot;:&quot;0&quot;,&quot;shutter_speed&quot;:&quot;0&quot;,&quot;title&quot;:&quot;&quot;,&quot;orientation&quot;:&quot;0&quot;}\" data-image-title=\"Capture d\u2019e\u0301cran, le 2024-09-07 a\u0300 09.54.36\" data-image-description=\"\" data-medium-file=\"https:\/\/i0.wp.com\/itayachtscanada.com\/wp-content\/uploads\/2024\/09\/Capture-decran-le-2024-09-07-a-09.54.36.jpg?fit=300%2C197&#038;ssl=1\" data-large-file=\"https:\/\/i0.wp.com\/itayachtscanada.com\/wp-content\/uploads\/2024\/09\/Capture-decran-le-2024-09-07-a-09.54.36.jpg?fit=700%2C459&#038;ssl=1\" src=\"https:\/\/i0.wp.com\/itayachtscanada.com\/wp-content\/uploads\/2024\/09\/Capture-decran-le-2024-09-07-a-09.54.36.jpg?w=368&#038;h=242&#038;ssl=1\" srcset=\"https:\/\/i0.wp.com\/itayachtscanada.com\/wp-content\/uploads\/2024\/09\/Capture-decran-le-2024-09-07-a-09.54.36.jpg?w=1410&amp;ssl=1 1410w, https:\/\/i0.wp.com\/itayachtscanada.com\/wp-content\/uploads\/2024\/09\/Capture-decran-le-2024-09-07-a-09.54.36.jpg?resize=300%2C197&amp;ssl=1 300w, https:\/\/i0.wp.com\/itayachtscanada.com\/wp-content\/uploads\/2024\/09\/Capture-decran-le-2024-09-07-a-09.54.36.jpg?resize=1024%2C672&amp;ssl=1 1024w, https:\/\/i0.wp.com\/itayachtscanada.com\/wp-content\/uploads\/2024\/09\/Capture-decran-le-2024-09-07-a-09.54.36.jpg?resize=768%2C504&amp;ssl=1 768w, https:\/\/i0.wp.com\/itayachtscanada.com\/wp-content\/uploads\/2024\/09\/Capture-decran-le-2024-09-07-a-09.54.36.jpg?resize=700%2C460&amp;ssl=1 700w, https:\/\/i0.wp.com\/itayachtscanada.com\/wp-content\/uploads\/2024\/09\/Capture-decran-le-2024-09-07-a-09.54.36.jpg?resize=609%2C400&amp;ssl=1 609w\" width=\"368\" height=\"242\" loading=\"lazy\" data-original-width=\"368\" data-original-height=\"242\" itemprop=\"http:\/\/schema.org\/image\" title=\"Capture d\u2019e\u0301cran, le 2024-09-07 a\u0300 09.54.36\" alt=\"Capture d\u2019e\u0301cran, le 2024-09-07 a\u0300 09.54.36\" style=\"width: 368px; height: 242px;\" \/> <\/a> <\/div> <div class=\"tiled-gallery-item tiled-gallery-item-large\" itemprop=\"associatedMedia\" itemscope itemtype=\"http:\/\/schema.org\/ImageObject\"> <a href=\"https:\/\/itayachtscanada.com\/fr\/listing\/sirena-68-2022-2950000-usd-for-sale\/capture-decran-le-2024-09-07-a-09-54-28\/\" border=\"0\" itemprop=\"url\"> <meta itemprop=\"width\" content=\"368\"> <meta itemprop=\"height\" content=\"241\"> <img decoding=\"async\" class=\"\" data-attachment-id=\"176458\" data-orig-file=\"https:\/\/itayachtscanada.com\/wp-content\/uploads\/2024\/09\/Capture-decran-le-2024-09-07-a-09.54.28.jpg\" data-orig-size=\"1410,926\" data-comments-opened=\"1\" data-image-meta=\"{&quot;aperture&quot;:&quot;0&quot;,&quot;credit&quot;:&quot;&quot;,&quot;camera&quot;:&quot;&quot;,&quot;caption&quot;:&quot;&quot;,&quot;created_timestamp&quot;:&quot;0&quot;,&quot;copyright&quot;:&quot;&quot;,&quot;focal_length&quot;:&quot;0&quot;,&quot;iso&quot;:&quot;0&quot;,&quot;shutter_speed&quot;:&quot;0&quot;,&quot;title&quot;:&quot;&quot;,&quot;orientation&quot;:&quot;0&quot;}\" data-image-title=\"Capture d\u2019e\u0301cran, le 2024-09-07 a\u0300 09.54.28\" data-image-description=\"\" data-medium-file=\"https:\/\/i0.wp.com\/itayachtscanada.com\/wp-content\/uploads\/2024\/09\/Capture-decran-le-2024-09-07-a-09.54.28.jpg?fit=300%2C197&#038;ssl=1\" data-large-file=\"https:\/\/i0.wp.com\/itayachtscanada.com\/wp-content\/uploads\/2024\/09\/Capture-decran-le-2024-09-07-a-09.54.28.jpg?fit=700%2C459&#038;ssl=1\" src=\"https:\/\/i0.wp.com\/itayachtscanada.com\/wp-content\/uploads\/2024\/09\/Capture-decran-le-2024-09-07-a-09.54.28.jpg?w=368&#038;h=241&#038;ssl=1\" srcset=\"https:\/\/i0.wp.com\/itayachtscanada.com\/wp-content\/uploads\/2024\/09\/Capture-decran-le-2024-09-07-a-09.54.28.jpg?w=1410&amp;ssl=1 1410w, https:\/\/i0.wp.com\/itayachtscanada.com\/wp-content\/uploads\/2024\/09\/Capture-decran-le-2024-09-07-a-09.54.28.jpg?resize=300%2C197&amp;ssl=1 300w, https:\/\/i0.wp.com\/itayachtscanada.com\/wp-content\/uploads\/2024\/09\/Capture-decran-le-2024-09-07-a-09.54.28.jpg?resize=1024%2C672&amp;ssl=1 1024w, https:\/\/i0.wp.com\/itayachtscanada.com\/wp-content\/uploads\/2024\/09\/Capture-decran-le-2024-09-07-a-09.54.28.jpg?resize=768%2C504&amp;ssl=1 768w, https:\/\/i0.wp.com\/itayachtscanada.com\/wp-content\/uploads\/2024\/09\/Capture-decran-le-2024-09-07-a-09.54.28.jpg?resize=700%2C460&amp;ssl=1 700w, https:\/\/i0.wp.com\/itayachtscanada.com\/wp-content\/uploads\/2024\/09\/Capture-decran-le-2024-09-07-a-09.54.28.jpg?resize=609%2C400&amp;ssl=1 609w\" width=\"368\" height=\"241\" loading=\"lazy\" data-original-width=\"368\" data-original-height=\"241\" itemprop=\"http:\/\/schema.org\/image\" title=\"Capture d\u2019e\u0301cran, le 2024-09-07 a\u0300 09.54.28\" alt=\"Capture d\u2019e\u0301cran, le 2024-09-07 a\u0300 09.54.28\" style=\"width: 368px; height: 241px;\" \/> <\/a> <\/div> <\/div> <!-- close group --> <div class=\"gallery-group images-1\" style=\"width: 328px; height: 491px;\" data-original-width=\"328\" data-original-height=\"491\" > <div class=\"tiled-gallery-item tiled-gallery-item-large\" itemprop=\"associatedMedia\" itemscope itemtype=\"http:\/\/schema.org\/ImageObject\"> <a href=\"https:\/\/itayachtscanada.com\/fr\/listing\/sirena-68-2022-2950000-usd-for-sale\/capture-decran-le-2024-09-07-a-09-54-20\/\" border=\"0\" itemprop=\"url\"> <meta itemprop=\"width\" content=\"324\"> <meta itemprop=\"height\" content=\"487\"> <img decoding=\"async\" class=\"\" data-attachment-id=\"176459\" data-orig-file=\"https:\/\/itayachtscanada.com\/wp-content\/uploads\/2024\/09\/Capture-decran-le-2024-09-07-a-09.54.20.jpg\" data-orig-size=\"616,926\" data-comments-opened=\"1\" data-image-meta=\"{&quot;aperture&quot;:&quot;0&quot;,&quot;credit&quot;:&quot;&quot;,&quot;camera&quot;:&quot;&quot;,&quot;caption&quot;:&quot;&quot;,&quot;created_timestamp&quot;:&quot;0&quot;,&quot;copyright&quot;:&quot;&quot;,&quot;focal_length&quot;:&quot;0&quot;,&quot;iso&quot;:&quot;0&quot;,&quot;shutter_speed&quot;:&quot;0&quot;,&quot;title&quot;:&quot;&quot;,&quot;orientation&quot;:&quot;0&quot;}\" data-image-title=\"Capture d\u2019e\u0301cran, le 2024-09-07 a\u0300 09.54.20\" data-image-description=\"\" data-medium-file=\"https:\/\/i0.wp.com\/itayachtscanada.com\/wp-content\/uploads\/2024\/09\/Capture-decran-le-2024-09-07-a-09.54.20.jpg?fit=200%2C300&#038;ssl=1\" data-large-file=\"https:\/\/i0.wp.com\/itayachtscanada.com\/wp-content\/uploads\/2024\/09\/Capture-decran-le-2024-09-07-a-09.54.20.jpg?fit=616%2C926&#038;ssl=1\" src=\"https:\/\/i0.wp.com\/itayachtscanada.com\/wp-content\/uploads\/2024\/09\/Capture-decran-le-2024-09-07-a-09.54.20.jpg?w=324&#038;h=487&#038;ssl=1\" srcset=\"https:\/\/i0.wp.com\/itayachtscanada.com\/wp-content\/uploads\/2024\/09\/Capture-decran-le-2024-09-07-a-09.54.20.jpg?w=616&amp;ssl=1 616w, https:\/\/i0.wp.com\/itayachtscanada.com\/wp-content\/uploads\/2024\/09\/Capture-decran-le-2024-09-07-a-09.54.20.jpg?resize=200%2C300&amp;ssl=1 200w, https:\/\/i0.wp.com\/itayachtscanada.com\/wp-content\/uploads\/2024\/09\/Capture-decran-le-2024-09-07-a-09.54.20.jpg?resize=266%2C400&amp;ssl=1 266w\" width=\"324\" height=\"487\" loading=\"lazy\" data-original-width=\"324\" data-original-height=\"487\" itemprop=\"http:\/\/schema.org\/image\" title=\"Capture d\u2019e\u0301cran, le 2024-09-07 a\u0300 09.54.20\" alt=\"Capture d\u2019e\u0301cran, le 2024-09-07 a\u0300 09.54.20\" style=\"width: 324px; height: 487px;\" \/> <\/a> <\/div> <\/div> <!-- close group --> <\/div> <!-- close row --> <div class=\"gallery-row\" style=\"width: 700px; height: 310px;\" data-original-width=\"700\" data-original-height=\"310\" > <div class=\"gallery-group images-1\" style=\"width: 467px; height: 310px;\" data-original-width=\"467\" data-original-height=\"310\" > <div class=\"tiled-gallery-item tiled-gallery-item-large\" itemprop=\"associatedMedia\" itemscope itemtype=\"http:\/\/schema.org\/ImageObject\"> <a href=\"https:\/\/itayachtscanada.com\/fr\/listing\/sirena-68-2022-2950000-usd-for-sale\/capture-decran-le-2024-09-07-a-09-54-17\/\" border=\"0\" itemprop=\"url\"> <meta itemprop=\"width\" content=\"463\"> <meta itemprop=\"height\" content=\"306\"> <img decoding=\"async\" class=\"\" data-attachment-id=\"176460\" data-orig-file=\"https:\/\/itayachtscanada.com\/wp-content\/uploads\/2024\/09\/Capture-decran-le-2024-09-07-a-09.54.17.jpg\" data-orig-size=\"1400,926\" data-comments-opened=\"1\" data-image-meta=\"{&quot;aperture&quot;:&quot;0&quot;,&quot;credit&quot;:&quot;&quot;,&quot;camera&quot;:&quot;&quot;,&quot;caption&quot;:&quot;&quot;,&quot;created_timestamp&quot;:&quot;0&quot;,&quot;copyright&quot;:&quot;&quot;,&quot;focal_length&quot;:&quot;0&quot;,&quot;iso&quot;:&quot;0&quot;,&quot;shutter_speed&quot;:&quot;0&quot;,&quot;title&quot;:&quot;&quot;,&quot;orientation&quot;:&quot;0&quot;}\" data-image-title=\"Capture d\u2019e\u0301cran, le 2024-09-07 a\u0300 09.54.17\" data-image-description=\"\" data-medium-file=\"https:\/\/i0.wp.com\/itayachtscanada.com\/wp-content\/uploads\/2024\/09\/Capture-decran-le-2024-09-07-a-09.54.17.jpg?fit=300%2C198&#038;ssl=1\" data-large-file=\"https:\/\/i0.wp.com\/itayachtscanada.com\/wp-content\/uploads\/2024\/09\/Capture-decran-le-2024-09-07-a-09.54.17.jpg?fit=700%2C463&#038;ssl=1\" src=\"https:\/\/i0.wp.com\/itayachtscanada.com\/wp-content\/uploads\/2024\/09\/Capture-decran-le-2024-09-07-a-09.54.17.jpg?w=463&#038;h=306&#038;ssl=1\" srcset=\"https:\/\/i0.wp.com\/itayachtscanada.com\/wp-content\/uploads\/2024\/09\/Capture-decran-le-2024-09-07-a-09.54.17.jpg?w=1400&amp;ssl=1 1400w, https:\/\/i0.wp.com\/itayachtscanada.com\/wp-content\/uploads\/2024\/09\/Capture-decran-le-2024-09-07-a-09.54.17.jpg?resize=300%2C198&amp;ssl=1 300w, https:\/\/i0.wp.com\/itayachtscanada.com\/wp-content\/uploads\/2024\/09\/Capture-decran-le-2024-09-07-a-09.54.17.jpg?resize=1024%2C677&amp;ssl=1 1024w, https:\/\/i0.wp.com\/itayachtscanada.com\/wp-content\/uploads\/2024\/09\/Capture-decran-le-2024-09-07-a-09.54.17.jpg?resize=768%2C508&amp;ssl=1 768w, https:\/\/i0.wp.com\/itayachtscanada.com\/wp-content\/uploads\/2024\/09\/Capture-decran-le-2024-09-07-a-09.54.17.jpg?resize=700%2C463&amp;ssl=1 700w, https:\/\/i0.wp.com\/itayachtscanada.com\/wp-content\/uploads\/2024\/09\/Capture-decran-le-2024-09-07-a-09.54.17.jpg?resize=605%2C400&amp;ssl=1 605w\" width=\"463\" height=\"306\" loading=\"lazy\" data-original-width=\"463\" data-original-height=\"306\" itemprop=\"http:\/\/schema.org\/image\" title=\"Capture d\u2019e\u0301cran, le 2024-09-07 a\u0300 09.54.17\" alt=\"Capture d\u2019e\u0301cran, le 2024-09-07 a\u0300 09.54.17\" style=\"width: 463px; height: 306px;\" \/> <\/a> <\/div> <\/div> <!-- close group --> <div class=\"gallery-group images-2\" style=\"width: 233px; height: 310px;\" data-original-width=\"233\" data-original-height=\"310\" > <div class=\"tiled-gallery-item tiled-gallery-item-small\" itemprop=\"associatedMedia\" itemscope itemtype=\"http:\/\/schema.org\/ImageObject\"> <a href=\"https:\/\/itayachtscanada.com\/fr\/listing\/sirena-68-2022-2950000-usd-for-sale\/capture-decran-le-2024-09-07-a-09-54-15\/\" border=\"0\" itemprop=\"url\"> <meta itemprop=\"width\" content=\"229\"> <meta itemprop=\"height\" content=\"151\"> <img decoding=\"async\" class=\"\" data-attachment-id=\"176461\" data-orig-file=\"https:\/\/itayachtscanada.com\/wp-content\/uploads\/2024\/09\/Capture-decran-le-2024-09-07-a-09.54.15.jpg\" data-orig-size=\"1400,926\" data-comments-opened=\"1\" data-image-meta=\"{&quot;aperture&quot;:&quot;0&quot;,&quot;credit&quot;:&quot;&quot;,&quot;camera&quot;:&quot;&quot;,&quot;caption&quot;:&quot;&quot;,&quot;created_timestamp&quot;:&quot;0&quot;,&quot;copyright&quot;:&quot;&quot;,&quot;focal_length&quot;:&quot;0&quot;,&quot;iso&quot;:&quot;0&quot;,&quot;shutter_speed&quot;:&quot;0&quot;,&quot;title&quot;:&quot;&quot;,&quot;orientation&quot;:&quot;0&quot;}\" data-image-title=\"Capture d\u2019e\u0301cran, le 2024-09-07 a\u0300 09.54.15\" data-image-description=\"\" data-medium-file=\"https:\/\/i0.wp.com\/itayachtscanada.com\/wp-content\/uploads\/2024\/09\/Capture-decran-le-2024-09-07-a-09.54.15.jpg?fit=300%2C198&#038;ssl=1\" data-large-file=\"https:\/\/i0.wp.com\/itayachtscanada.com\/wp-content\/uploads\/2024\/09\/Capture-decran-le-2024-09-07-a-09.54.15.jpg?fit=700%2C463&#038;ssl=1\" src=\"https:\/\/i0.wp.com\/itayachtscanada.com\/wp-content\/uploads\/2024\/09\/Capture-decran-le-2024-09-07-a-09.54.15.jpg?w=229&#038;h=151&#038;ssl=1\" srcset=\"https:\/\/i0.wp.com\/itayachtscanada.com\/wp-content\/uploads\/2024\/09\/Capture-decran-le-2024-09-07-a-09.54.15.jpg?w=1400&amp;ssl=1 1400w, https:\/\/i0.wp.com\/itayachtscanada.com\/wp-content\/uploads\/2024\/09\/Capture-decran-le-2024-09-07-a-09.54.15.jpg?resize=300%2C198&amp;ssl=1 300w, https:\/\/i0.wp.com\/itayachtscanada.com\/wp-content\/uploads\/2024\/09\/Capture-decran-le-2024-09-07-a-09.54.15.jpg?resize=1024%2C677&amp;ssl=1 1024w, https:\/\/i0.wp.com\/itayachtscanada.com\/wp-content\/uploads\/2024\/09\/Capture-decran-le-2024-09-07-a-09.54.15.jpg?resize=768%2C508&amp;ssl=1 768w, https:\/\/i0.wp.com\/itayachtscanada.com\/wp-content\/uploads\/2024\/09\/Capture-decran-le-2024-09-07-a-09.54.15.jpg?resize=700%2C463&amp;ssl=1 700w, https:\/\/i0.wp.com\/itayachtscanada.com\/wp-content\/uploads\/2024\/09\/Capture-decran-le-2024-09-07-a-09.54.15.jpg?resize=605%2C400&amp;ssl=1 605w\" width=\"229\" height=\"151\" loading=\"lazy\" data-original-width=\"229\" data-original-height=\"151\" itemprop=\"http:\/\/schema.org\/image\" title=\"Capture d\u2019e\u0301cran, le 2024-09-07 a\u0300 09.54.15\" alt=\"Capture d\u2019e\u0301cran, le 2024-09-07 a\u0300 09.54.15\" style=\"width: 229px; height: 151px;\" \/> <\/a> <\/div> <div class=\"tiled-gallery-item tiled-gallery-item-small\" itemprop=\"associatedMedia\" itemscope itemtype=\"http:\/\/schema.org\/ImageObject\"> <a href=\"https:\/\/itayachtscanada.com\/fr\/listing\/sirena-68-2022-2950000-usd-for-sale\/capture-decran-le-2024-09-07-a-09-54-06\/\" border=\"0\" itemprop=\"url\"> <meta itemprop=\"width\" content=\"229\"> <meta itemprop=\"height\" content=\"151\"> <img decoding=\"async\" class=\"\" data-attachment-id=\"176462\" data-orig-file=\"https:\/\/itayachtscanada.com\/wp-content\/uploads\/2024\/09\/Capture-decran-le-2024-09-07-a-09.54.06.jpg\" data-orig-size=\"1400,926\" data-comments-opened=\"1\" data-image-meta=\"{&quot;aperture&quot;:&quot;0&quot;,&quot;credit&quot;:&quot;&quot;,&quot;camera&quot;:&quot;&quot;,&quot;caption&quot;:&quot;&quot;,&quot;created_timestamp&quot;:&quot;0&quot;,&quot;copyright&quot;:&quot;&quot;,&quot;focal_length&quot;:&quot;0&quot;,&quot;iso&quot;:&quot;0&quot;,&quot;shutter_speed&quot;:&quot;0&quot;,&quot;title&quot;:&quot;&quot;,&quot;orientation&quot;:&quot;0&quot;}\" data-image-title=\"Capture d\u2019e\u0301cran, le 2024-09-07 a\u0300 09.54.06\" data-image-description=\"\" data-medium-file=\"https:\/\/i0.wp.com\/itayachtscanada.com\/wp-content\/uploads\/2024\/09\/Capture-decran-le-2024-09-07-a-09.54.06.jpg?fit=300%2C198&#038;ssl=1\" data-large-file=\"https:\/\/i0.wp.com\/itayachtscanada.com\/wp-content\/uploads\/2024\/09\/Capture-decran-le-2024-09-07-a-09.54.06.jpg?fit=700%2C463&#038;ssl=1\" src=\"https:\/\/i0.wp.com\/itayachtscanada.com\/wp-content\/uploads\/2024\/09\/Capture-decran-le-2024-09-07-a-09.54.06.jpg?w=229&#038;h=151&#038;ssl=1\" srcset=\"https:\/\/i0.wp.com\/itayachtscanada.com\/wp-content\/uploads\/2024\/09\/Capture-decran-le-2024-09-07-a-09.54.06.jpg?w=1400&amp;ssl=1 1400w, https:\/\/i0.wp.com\/itayachtscanada.com\/wp-content\/uploads\/2024\/09\/Capture-decran-le-2024-09-07-a-09.54.06.jpg?resize=300%2C198&amp;ssl=1 300w, https:\/\/i0.wp.com\/itayachtscanada.com\/wp-content\/uploads\/2024\/09\/Capture-decran-le-2024-09-07-a-09.54.06.jpg?resize=1024%2C677&amp;ssl=1 1024w, https:\/\/i0.wp.com\/itayachtscanada.com\/wp-content\/uploads\/2024\/09\/Capture-decran-le-2024-09-07-a-09.54.06.jpg?resize=768%2C508&amp;ssl=1 768w, https:\/\/i0.wp.com\/itayachtscanada.com\/wp-content\/uploads\/2024\/09\/Capture-decran-le-2024-09-07-a-09.54.06.jpg?resize=700%2C463&amp;ssl=1 700w, https:\/\/i0.wp.com\/itayachtscanada.com\/wp-content\/uploads\/2024\/09\/Capture-decran-le-2024-09-07-a-09.54.06.jpg?resize=605%2C400&amp;ssl=1 605w\" width=\"229\" height=\"151\" loading=\"lazy\" data-original-width=\"229\" data-original-height=\"151\" itemprop=\"http:\/\/schema.org\/image\" title=\"Capture d\u2019e\u0301cran, le 2024-09-07 a\u0300 09.54.06\" alt=\"Capture d\u2019e\u0301cran, le 2024-09-07 a\u0300 09.54.06\" style=\"width: 229px; height: 151px;\" \/> <\/a> <\/div> <\/div> <!-- close group --> <\/div> <!-- close row --> <\/div>\n<div class=\"jetpack-video-wrapper\"><span class=\"embed-youtube\" style=\"text-align:center; display: block;\"><iframe loading=\"lazy\" class=\"youtube-player\" width=\"700\" height=\"394\" src=\"https:\/\/www.youtube.com\/embed\/dxoUw10NeBw?version=3&#038;rel=1&#038;showsearch=0&#038;showinfo=1&#038;iv_load_policy=1&#038;fs=1&#038;hl=fr-FR&#038;autohide=2&#038;start=1&#038;wmode=transparent\" allowfullscreen=\"true\" style=\"border:0;\" sandbox=\"allow-scripts allow-same-origin allow-popups allow-presentation allow-popups-to-escape-sandbox\"><\/iframe><\/span><\/div>\n<div class=\"jetpack-video-wrapper\"><span class=\"embed-youtube\" style=\"text-align:center; display: block;\"><iframe loading=\"lazy\" class=\"youtube-player\" width=\"700\" height=\"394\" src=\"https:\/\/www.youtube.com\/embed\/8Q0gbEk6hG8?version=3&#038;rel=1&#038;showsearch=0&#038;showinfo=1&#038;iv_load_policy=1&#038;fs=1&#038;hl=fr-FR&#038;autohide=2&#038;wmode=transparent\" allowfullscreen=\"true\" style=\"border:0;\" sandbox=\"allow-scripts allow-same-origin allow-popups allow-presentation allow-popups-to-escape-sandbox\"><\/iframe><\/span><\/div>\n<div class=\"jetpack-video-wrapper\"><span class=\"embed-youtube\" style=\"text-align:center; display: block;\"><iframe loading=\"lazy\" class=\"youtube-player\" width=\"700\" height=\"394\" src=\"https:\/\/www.youtube.com\/embed\/j6v6cqtIBUs?version=3&#038;rel=1&#038;showsearch=0&#038;showinfo=1&#038;iv_load_policy=1&#038;fs=1&#038;hl=fr-FR&#038;autohide=2&#038;wmode=transparent\" allowfullscreen=\"true\" style=\"border:0;\" sandbox=\"allow-scripts allow-same-origin allow-popups allow-presentation allow-popups-to-escape-sandbox\"><\/iframe><\/span><\/div>\n<p>&nbsp;<\/p>\n<p>&nbsp;<\/p>\n<p>&nbsp;<\/p>\n<p><strong>Ita Yachts Canada propose de vous assister et de voir \u00e0 vos int\u00e9r\u00eats pour l\u2019achat de ce yacht qui est \u00e0 vendre par une autre organisation. Nous serons pr\u00e9sents lors de l\u2019inspection et tout au long de la transaction et ce peu importe sa localisation. L\u2019\u00e9quipe d\u2019Ita Yachts Canada se soumet au plus haut standard d\u2019\u00e9thique.<\/strong><\/p>\n<p>&nbsp;<\/p>\n<p>COQUE ET PONT<\/p>\n<p>Coque FRP\/Carbone infus\u00e9e \u00e0 la r\u00e9sine avec noyau en mousse \u00e0 cellules ferm\u00e9es<br \/>\nPont en FRP\/Carbone infus\u00e9 \u00e0 la r\u00e9sine avec noyau en mousse \u00e0 cellules ferm\u00e9es<br \/>\nGrille structurelle en FRP infus\u00e9e dans la mousse \u00e0 cellules ferm\u00e9es<br \/>\nSuperstructure en FRP et carbone infus\u00e9s dans la r\u00e9sine pour une r\u00e9duction du poids<br \/>\nToit rigide en carbone infus\u00e9 \u00e0 la r\u00e9sine avec toit ouvrant \u00e9lectrique<br \/>\nBande de coffre personnalis\u00e9e<br \/>\nPonts lat\u00e9raux en teck<br \/>\nSemelle de cockpit en teck<br \/>\nSemelle du flybridge en teck<br \/>\nDeux cabestans \u00e9lectriques dans le cockpit arri\u00e8re<br \/>\nM\u00e2t peint sur mesure, d\u00f4mes satellite et antenne radar<br \/>\nBain de soleil sur le pont avant<br \/>\nSi\u00e8ges sur le pont avant avec table de cocktail suspendue<br \/>\nB\u00e2ton de pavillon en teck<br \/>\nPare-soleil vertical hi-lo dans le cockpit arri\u00e8re<br \/>\nTable hi-lo pour la table du flybridge avant b\u00e2bord<br \/>\nTrois tables ext\u00e9rieures en teck, finition brillante<br \/>\n\u00c9chelle int\u00e9gr\u00e9e entre la plate-forme de bain et la poupe<br \/>\nBarri\u00e8res de s\u00e9curit\u00e9 personnalis\u00e9es dans le cockpit, \u00e0 l&rsquo;arri\u00e8re<br \/>\n\u00c9clairage de courtoisie sur le pont avant principal<br \/>\nDeux \u00e9clairages sous-marins bicolores situ\u00e9s dans le tableau arri\u00e8re<br \/>\nProjecteurs suppl\u00e9mentaires sur le flybridge<br \/>\nAm\u00e9lioration de la r\u00e9frig\u00e9ration du flybridge<br \/>\nMachine \u00e0 gla\u00e7ons sur le flybridge<br \/>\nMachine \u00e0 gla\u00e7ons dans le cockpit arri\u00e8re au niveau du pont principal<br \/>\nCales en teck pour jet ski<br \/>\nGrand cockpit arri\u00e8re avec semelle en teck<br \/>\nAm\u00e9nagement arri\u00e8re avec machine \u00e0 gla\u00e7ons et grill \u00e9lectrique<br \/>\nD\u00eenette de cockpit arri\u00e8re avec 6 places assises<br \/>\nQuatre chaises de cockpit pliantes personnalis\u00e9es<\/p>\n<p>FLYBRIDGE<br \/>\nPont en teck<br \/>\nT-top en fibre de carbone avec toit ouvrant \u00e9lectrique<br \/>\nDouche ext\u00e9rieure int\u00e9gr\u00e9e au m\u00e2t<br \/>\nSyst\u00e8me audio Fusion Apollo RA 770<br \/>\nSubwoofer suppl\u00e9mentaire<br \/>\nTV LED \u00e0 \u00e9cran plat de 42 pouces sur l&rsquo;\u00e9l\u00e9vateur<br \/>\nCoussins du flybridge en tissu Sunbrella blanc<br \/>\nGrand canap\u00e9 en U am\u00e9lior\u00e9 \u00e0 l&rsquo;arri\u00e8re<br \/>\nCuisine ext\u00e9rieure en forme de L \u00e0 tribord, finition en teck brillant<br \/>\nComptoirs en granit noir<br \/>\nGril int\u00e9gr\u00e9 au comptoir<br \/>\n\u00c9vier en acier inoxydable sous le comptoir<br \/>\nR\u00e9frig\u00e9rateur<br \/>\nMachine \u00e0 gla\u00e7ons<br \/>\nRobinet \u00e0 levier unique<br \/>\nBar en L \u00e0 b\u00e2bord, finition teck brillant<br \/>\nComptoirs en granit noir<br \/>\nD\u00eenette en U \u00e0 tribord avec table en teck finie en satin<br \/>\nD\u00eenette avant avec table en teck convertible \u00e0 b\u00e2bord, finition satin\u00e9e<br \/>\nPoste de pilotage sup\u00e9rieur complet<br \/>\nDeux si\u00e8ges de gouvernail avec motif de points en diamant Bentley<br \/>\nBaie vitr\u00e9e Isin avec rideaux ouvrants \u00e0 b\u00e2bord, \u00e0 l&rsquo;avant et \u00e0 tribord<br \/>\nPare-vent en acrylique fum\u00e9<\/p>\n<p>SALON PRINCIPAL<br \/>\nGrand salon principal avec vue \u00e0 360 degr\u00e9s<br \/>\nD\u00e9coration Serenity dans l&rsquo;ensemble du bateau<br \/>\nStores v\u00e9nitiens dans tout le bateau<br \/>\nPlancher de cabine en bois miel clair avec finition satin\u00e9e<br \/>\n\u00c9clairage de plateau au plafond dans l&rsquo;ensemble du bateau<br \/>\n\u00c9clairage LED au plafond dans l&rsquo;ensemble du bateau<br \/>\n\u00c9clairage par c\u00e2ble sous les embouts de pieds dans l&rsquo;ensemble du bateau<br \/>\nSyst\u00e8me AV Bowers et Wilkins dans tout le bateau<br \/>\nT\u00c9L\u00c9VISEUR LED DE 50 POUCES<br \/>\nDinette \u00e0 tribord avec 6 places assises<br \/>\nTable \u00e0 deux pieds en verre fum\u00e9 avec accents argent\u00e9s et garnitures en bois<br \/>\nTrois chaises de dinette recouvertes de cuir blanc<br \/>\nBanquette ext\u00e9rieure recouverte de cuir blanc<br \/>\nCr\u00e9dence encastr\u00e9e \u00e0 l&rsquo;avant de la d\u00eenette, finition blanche<br \/>\nCanap\u00e9 en U \u00e0 b\u00e2bord<br \/>\nDeux tables \u00e0 cocktail en verre fum\u00e9 avec des accents argent\u00e9s et des garnitures en bois<br \/>\nAppliques murales dans tout le bateau<\/p>\n<p>GALERIE ou CUISINE<br \/>\nCuisine situ\u00e9e \u00e0 l&rsquo;arri\u00e8re \u00e0 b\u00e2bord<br \/>\nD\u00e9cor Serenity dans toute la cuisine.<br \/>\nPlans de travail en marbre<br \/>\nPlancher de cabine en bois miel clair fini en satin<br \/>\nTable de cuisson \u00e0 induction Miele<br \/>\nLave-vaisselle Miele<br \/>\n\u00c9vier \u00e0 deux bacs en acier inoxydable sous le comptoir<br \/>\nRobinet \u00e0 col de cygne en acier inoxydable \u00e0 levier unique<\/p>\n<p>\u00c9clairage par corde sous les pieds<br \/>\nNombreux rangements<\/p>\n<p>PILOTHOUSE<br \/>\nPoste de pilotage situ\u00e9 \u00e0 b\u00e2bord, \u00e0 l&rsquo;avant<br \/>\nD\u00e9coration Serenity dans l&rsquo;ensemble du bateau<br \/>\nPlancher de cabine en bois miel clair, finition satin\u00e9e<br \/>\nGrand poste de navigation ergonomique<br \/>\nGrande porte battante \u00e9tanche situ\u00e9e \u00e0 b\u00e2bord<br \/>\nDouble banquette au poste de pilotage<br \/>\nPanneau de distribution \u00e9lectrique derri\u00e8re le poste de pilotage avec porte en acrylique fum\u00e9<br \/>\nCanap\u00e9 \u00e0 tribord, \u00e0 l&rsquo;avant, avec 3 places assises<br \/>\n\u00c9clairage LED au plafond dans tout le bateau<\/p>\n<p>\u00c9LECTRONIQUE<br \/>\nDeux MFD Garmin 22 \u00bb dans le poste de pilotage<br \/>\nMFD Garmin 10 \u00bb dans le poste de pilotage<br \/>\nDeux MFD Garmin 16 \u00bb sur le flybridge<br \/>\nUn seul MFD Garmin 10 \u00bb sur le flybridge<br \/>\nRadar ouvert Garmin Fantom 54<br \/>\nDeux commandes de pilote automatique Garmin<br \/>\nCam\u00e9ras IR Garmin dans la salle des machines et le cockpit<br \/>\nKVH TracVision 6<br \/>\n\u00c9metteur-r\u00e9cepteur AIS de classe B<br \/>\nSondeur Garmin<\/p>\n<p>CABINE PRINCIPALE<br \/>\nD\u00e9coration Serenity dans l&rsquo;ensemble du bateau<br \/>\nPlancher de cabine en bois miel clair, finition satin\u00e9e<br \/>\nGrande couchette centrale<br \/>\nStores motoris\u00e9s avec occultation et t\u00e9l\u00e9commande<br \/>\nTables de chevet encastr\u00e9es \u00e0 b\u00e2bord et \u00e0 tribord<br \/>\nMeuble-lavabo avec miroir \u00e9clair\u00e9 et ottoman \u00e0 b\u00e2bord<br \/>\nCommode encastr\u00e9e \u00e0 tribord<br \/>\n\u00c9clairage de plateau au plafond<br \/>\n\u00c9clairage LED au plafond dans l&rsquo;ensemble de l&rsquo;espace<br \/>\nAppliques murales dans tout le bateau<br \/>\n\u00c9clairage par c\u00e2ble sous les repose-pieds<br \/>\nLiseuses \u00e0 b\u00e2bord et \u00e0 tribord au-dessus de la couchette<br \/>\nT\u00e9l\u00e9viseur \u00e0 \u00e9cran plat de 42 pouces<\/p>\n<p>SALLE D&rsquo;EAU PRINCIPALE<br \/>\nD\u00e9coration Serenity dans l&rsquo;ensemble du bateau<br \/>\nPlancher de cabine en bois miel clair, finition satin\u00e9e<br \/>\nPlans de travail en marbre<br \/>\nPlancher de cabine en marbre<br \/>\nLavabo en marbre \u00e0 montage par le dessus<br \/>\nParois de douche en Corian Glacier Ice<br \/>\nMiroir affleurant avec coins arrondis<br \/>\n\u00c9clairage affleurant au-dessus de l&rsquo;\u00e9vier<br \/>\nRobinet \u00e0 levier unique Grohe<br \/>\nDouche \u00e0 effet de pluie Grohe<br \/>\nDouchette \u00e0 main Grohe<br \/>\nT\u00eate de douche Aquamare pour eau douce<br \/>\n\u00c9clairage LED au plafond dans l&rsquo;ensemble de l&#8217;embarcation<br \/>\n\u00c9clairage par c\u00e2ble sous les repose-pieds<\/p>\n<p>CHAMBRE\u00a0 VIP<br \/>\nEnsemble de d\u00e9corations Serenity dans tout le bateau<br \/>\nPlancher de cabine en bois miel clair avec finition satin\u00e9e<br \/>\nStores motoris\u00e9s avec occultation et t\u00e9l\u00e9commande<br \/>\nCouchette centrale Queen<br \/>\nVanit\u00e9 am\u00e9lior\u00e9e avec miroir rabattable \u00e9clair\u00e9 et ottoman<br \/>\n\u00c9clairage de plateau au plafond<br \/>\nDeux appliques murales<br \/>\n\u00c9clairage par c\u00e2ble sous les repose-pieds<br \/>\nLiseuses \u00e0 b\u00e2bord et \u00e0 tribord au-dessus de la couchette<br \/>\nT\u00e9l\u00e9viseur \u00e0 \u00e9cran plat LED 32<br \/>\nGrands hublots de coque ouvrants<br \/>\nPenderie \u00e0 b\u00e2bord<br \/>\nNombreux rangements dans tout le bateau<\/p>\n<p>SALLE D&rsquo;EAU VIP<br \/>\nD\u00e9coration Serenity dans l&rsquo;ensemble du bateau<br \/>\nPlancher de cabine en bois miel clair avec finition satin\u00e9e<br \/>\nPlan de travail en marbre<br \/>\n\u00c9vier en marbre mont\u00e9 sur le dessus<br \/>\nPlancher de cabine en marbre<br \/>\nParois de douche en Corian Glacier Ice<br \/>\nMiroir au-dessus du lavabo<br \/>\nRobinet \u00e0 levier unique Grohe<br \/>\nDouche \u00e0 effet de pluie Grohe<br \/>\nDouchette \u00e0 main Grohe<br \/>\nPommeau d&rsquo;eau douce Aquamare<br \/>\n\u00c9clairage LED au plafond dans l&rsquo;ensemble de l&#8217;embarcation<br \/>\n\u00c9clairage par c\u00e2ble sous les pieds de lit<br \/>\nOuverture de la coque dans la douche<\/p>\n<p>QUATRI\u00c8ME CABINE<br \/>\nD\u00e9coration Serenity dans l&rsquo;ensemble du bateau<br \/>\nPlancher de cabine en bois miel clair avec finition satin\u00e9e<br \/>\nCouchettes sup\u00e9rieures\/inf\u00e9rieures de type lit superpos\u00e9<br \/>\nPenderie<br \/>\n\u00c9clairage par c\u00e2ble sous les pieds de lit<br \/>\nPenderie<br \/>\n\u00c9clairage au plafond dans l&rsquo;ensemble de la cabine<\/p>\n<p>TROISI\u00c8ME CABINE<br \/>\nEnsemble de d\u00e9corations Serenity dans tout le bateau<br \/>\nPlancher de cabine en bois miel clair, finition satin\u00e9e<br \/>\nLits jumeaux<br \/>\nPenderie<br \/>\nT\u00e9l\u00e9vision \u00e0 \u00e9cran plat 32 \u00bb LED<\/p>\n<p>\u00c9clairage par corde sous les coups de pied<br \/>\nCasier suspendu<br \/>\n\u00c9clairage par le plafond dans l&rsquo;ensemble du<\/p>\n<p>QUARTIERS DE L&rsquo;\u00c9QUIPAGE<br \/>\nEnsemble de d\u00e9corations Serenity dans tout le bateau<br \/>\nSyst\u00e8me audio Fusion RA210<br \/>\nOrdinateur de bord Garmin 10 pouces<br \/>\nCouchettes sup\u00e9rieures\/inf\u00e9rieures de type lit superpos\u00e9<br \/>\n\u00c9vier de cuisine \u00e0 b\u00e2bord en Corian blanc<br \/>\nRobinet \u00e0 levier unique en chrome<br \/>\nR\u00e9frig\u00e9ration sous le comptoir<br \/>\nD\u00eenette \u00e0 b\u00e2bord<br \/>\n\u00c9clairage au plafond dans tout le bateau<br \/>\nT\u00eate d&rsquo;eau douce Aquamare<br \/>\nMeuble-lavabo avec \u00e9vier<br \/>\nMiroir de toilette<\/p>\n<p>SALLE D&rsquo;EAU POUR LES INVIT\u00c9S<br \/>\nComptoir en marbre am\u00e9lior\u00e9<br \/>\n\u00c9vier en marbre \u00e0 poser sur le dessus<br \/>\nSemelle de cabine en marbre<br \/>\nParois de douche en Corian Glacier Ice<br \/>\nMiroir au-dessus du lavabo<br \/>\nRobinet \u00e0 levier unique Grohe<br \/>\nDouchette \u00e0 main Grohe<br \/>\nArmoire \u00e0 pharmacie encastr\u00e9e avec portes en miroir.<br \/>\nT\u00eate d&rsquo;eau douce Aquamare<br \/>\n\u00c9clairage LED au plafond dans l&rsquo;ensemble de la salle de bain<br \/>\n\u00c9clairage par c\u00e2ble sous le coup de pied<\/p>\n<p>M\u00c9CANIQUE<br \/>\nMoteurs principaux Volvo D-13 1000 CV<br \/>\nDeux joysticks de commande aux postes sup\u00e9rieur et inf\u00e9rieur<br \/>\nEngrenage marin ZF 500 IV<br \/>\nAm\u00e9lioration &#8211; g\u00e9n\u00e9rateur Onan suppl\u00e9mentaire de 21,5 KW<br \/>\nStabilisateur gyroscopique Seakeeper 18<br \/>\nClimatisation \u00e0 six zones<br \/>\nDeux cabestans arri\u00e8re pour l&rsquo;accostage<br \/>\nGuindeau d&rsquo;ancre 24V<br \/>\nDessalinisateur am\u00e9lior\u00e9 de 47 GPH<br \/>\nLavage du pont \u00e0 l&rsquo;eau douce<br \/>\nSyst\u00e8me de vidange d&rsquo;huile Reverso<br \/>\nPropulseur de poupe \u00e0 vitesse variable<br \/>\nPropulseur d&rsquo;\u00e9trave \u00e0 vitesse variable<br \/>\nPompes d&rsquo;eau douce domestiques 24V<br \/>\nPompes \u00e0 eau grise 24V<br \/>\nPompes \u00e0 eaux noires 24V<br \/>\nLaveuse Miele<br \/>\nS\u00e9choir Miele<br \/>\nSupports de pompes d&rsquo;isolation am\u00e9lior\u00e9s dans l&rsquo;ensemble du b\u00e2timent<br \/>\nIsolation acoustique suppl\u00e9mentaire dans l&rsquo;ensemble de l&rsquo;installation<br \/>\nProjecteur \u00e0 distance ACR<\/p>\n<p>\u00c9LECTRICIT\u00c9<br \/>\nDeux prises de quai 220V\/50A<br \/>\nSyst\u00e8me de distribution 220V<br \/>\nPrises 110V partout<br \/>\nTransformateurs d&rsquo;isolation<br \/>\nG\u00e9n\u00e9rateur Onan 21.5KW 220V AC<br \/>\nSyst\u00e8me de distribution 24V pour tous les consommateurs domestiques<\/p>\n<p>S\u00c9CURIT\u00c9\/DIVERS<br \/>\nAncre \u00e0 griffes de 65 livres avec 300&prime; de cha\u00eene \u00e0 haute r\u00e9sistance 5\/8<br \/>\n12 VFI approuv\u00e9s par l&rsquo;USCG<br \/>\nKit de fus\u00e9es de d\u00e9tresse approuv\u00e9 par l&rsquo;USCG<br \/>\nTrousse de premiers secours approuv\u00e9e par la Garde c\u00f4ti\u00e8re am\u00e9ricaine<br \/>\nDispositif jetable approuv\u00e9 par l&rsquo;USCG<br \/>\nDispositif manuel de production de son<br \/>\nCloche de bateau<br \/>\nRadeau de sauvetage pour 8 personnes<br \/>\n6 amarres<br \/>\n4 d\u00e9fenses<\/p>\n<\/div>\n<\/div>\n<\/div>\n<\/div>\n<\/div>\n<\/div>\n<\/div>\n<\/div>\n<\/div>\n<\/div>\n<div>\n<div><\/div>\n<div>\n<p>&nbsp;<\/p>\n<p><strong><span style=\"color: black;\">AVIS DE NON-RESPONSABILIT\u00c9<\/span><\/strong><\/p>\n<p><strong><span style=\"color: black; font-weight: normal;\">Le bateau qui est pr\u00e9sent\u00e9 sur cette page, l\u2019est uniquement \u00e0 titre d&rsquo;information et n&rsquo;est pas n\u00e9cessairement toujours disponible \u00e0 la vente et\/ou \u00e0 la location.<\/span><\/strong><span class=\"apple-converted-space\"><b><span style=\"color: black;\">\u00a0<\/span><\/b><\/span><strong><span style=\"color: black; font-weight: normal;\">Ce bateau est peut-\u00eatre offert sous r\u00e9serve, il faut v\u00e9rifier sa disponibilit\u00e9.<\/span><\/strong><span class=\"apple-converted-space\"><b><span style=\"color: black;\">\u00a0<\/span><\/b><\/span><strong><span style=\"color: black; font-weight: normal;\">\u00a0Ce document ou cette annonce n&rsquo;est pas contractuel. Les informations sur les bateaux affich\u00e9es dans les r\u00e9sultats ci-dessus sont pr\u00e9sent\u00e9es en toute bonne foi et, bien qu&rsquo;elles soient consid\u00e9r\u00e9es comme correctes, elles ne sont pas garanties. Ita Yachts Canada ne garantit pas et n&rsquo;assume aucune responsabilit\u00e9 l\u00e9gale ou responsabilit\u00e9 pour l&rsquo;exactitude, l&rsquo;exhaustivit\u00e9 ou l&rsquo;utilit\u00e9 des informations et\/ou des images affich\u00e9es, car elles peuvent ne pas \u00eatre \u00e0 jour ou encore \u00eatres des images d&rsquo;un bateau comparable. Toutes les informations sur les bateaux peuvent \u00eatre modifi\u00e9es sans pr\u00e9avis et sont sans garantie.<\/span><\/strong><span class=\"apple-converted-space\"><b><span style=\"color: black;\">\u00a0<\/span><\/b><\/span><strong><span style=\"color: black; font-weight: normal;\">Ce bateau est peut-\u00eatre offert par un autre courtier ouvert au co-courtage (co-brokerage).<\/span><\/strong><\/p>\n<p>&nbsp;<\/p>\n<div data-test='contact-form'\n\t\t\tid='contact-form-176391'\n\t\t\tclass='jetpack-contact-form-container '\n\t\t\tdata-wp-interactive='jetpack\/form' data-wp-context='{\"formId\":\"176391\",\"formHash\":\"f0907edadfe8d5448c73bfeee65287b6d06125bc\",\"showErrors\":false,\"errors\":[],\"fields\":[],\"isMultiStep\":false,\"useAjax\":false,\"submissionData\":null,\"formattedSubmissionData\":[],\"submissionSuccess\":false,\"submissionError\":null,\"elementId\":\"jp-form-f0907edadfe8d5448c73bfeee65287b6d06125bc\",\"isSingleInputForm\":false,\"isForcedHorizontal\":false}'\n\t\t\tdata-wp-watch--scroll-to-wrapper=\"callbacks.scrollToWrapper\"\n\t\t>\n<div class=\"contact-form-submission contact-form-ajax-submission\" data-wp-bind--aria-hidden=\"state.isSuccessMessageAriaHidden\" data-wp-class--submission-success=\"context.submissionSuccess\" id=\"contact-form-success-f0907edadfe8d5448c73bfeee65287b6d06125bc\" tabindex=\"-1\" aria-labelledby=\"contact-form-success-header-f0907edadfe8d5448c73bfeee65287b6d06125bc\"><p class=\"go-back-message\"><a class=\"link\" role=\"button\" tabindex=\"0\" data-wp-on--click=\"actions.goBack\" href=\"\/fr\/wp-json\/wp\/v2\/listing\/176391\">\u2190 Retour<\/a><\/p><h4 data-wp-bind--aria-hidden=\"state.isSuccessMessageAriaHidden\" id=\"contact-form-success-header-f0907edadfe8d5448c73bfeee65287b6d06125bc\">Merci pour votre r\u00e9ponse. \u2728<\/h4>\n\n<template data-wp-each--submission=\"context.formattedSubmissionData\">\n\t\t\t\t\t<div class=\"jetpack_forms_contact-form-success-summary\">\n\t\t\t\t\t\t<div class=\"field-name-wrapper\">\n\t\t\t\t\t\t\t<div class=\"field-type-icon\" data-wp-watch=\"callbacks.watchFieldTypeIcon\"><\/div>\n\t\t\t\t\t\t\t<div class=\"field-name\" data-wp-text=\"context.submission.label\" data-wp-bind--hidden=\"!context.submission.label\"><\/div>\n\t\t\t\t\t\t<\/div>\n\t\t\t\t\t\t<div class=\"field-value\" data-wp-text=\"context.submission.value\" data-wp-bind--hidden=\"!context.submission.showPlainValue\"><\/div>\n\t\t\t\t\t\t<a class=\"field-url\" data-wp-bind--href=\"context.submission.url\" data-wp-text=\"context.submission.value\" data-wp-bind--hidden=\"!context.submission.url\" target=\"_blank\" rel=\"noopener noreferrer\"><\/a>\n\t\t\t\t\t\t<div class=\"field-rating\" data-wp-bind--hidden=\"!context.submission.rating\" data-wp-watch=\"callbacks.watchRatingIcons\"><\/div>\n\t\t\t\t\t\t<div class=\"field-images\" data-wp-bind--hidden=\"!context.submission.images\">\n\t\t\t\t\t\t\t<template data-wp-each--image=\"context.submission.images\">\n\t\t\t\t\t\t\t\t<div class=\"field-image-option\" data-wp-class--is-empty=\"!context.image.src\">\n\t\t\t\t\t\t\t\t\t<figure class=\"field-image-option__image\" data-wp-class--is-empty=\"!context.image.src\">\n\t\t\t\t\t\t\t\t\t\t<img data-wp-bind--src=\"context.image.src\" data-wp-bind--hidden=\"!context.image.src\" \/>\n\t\t\t\t\t\t\t\t\t\t<img decoding=\"async\" src=\"data:image\/gif;base64,R0lGODlhAQABAAD\/ACwAAAAAAQABAAACADs=\" data-wp-bind--hidden=\"context.image.src\" \/>\n\t\t\t\t\t\t\t\t\t<\/figure>\n\t\t\t\t\t\t\t\t\t<div class=\"field-image-option__label-wrapper\">\n\t\t\t\t\t\t\t\t\t\t<span class=\"field-image-option__label-code\" data-wp-text=\"context.image.letterCode\"><\/span>\n\t\t\t\t\t\t\t\t\t\t<span class=\"field-image-option__label\" data-wp-text=\"context.image.label\" data-wp-bind--hidden=\"!context.image.label\"><\/span>\n\t\t\t\t\t\t\t\t\t<\/div>\n\t\t\t\t\t\t\t\t<\/div>\n\t\t\t\t\t\t\t<\/template>\n\t\t\t\t\t\t<\/div>\n\t\t\t\t\t\t<div class=\"field-files\" data-wp-bind--hidden=\"!context.submission.files\">\n\t\t\t\t\t\t\t<template data-wp-each--file=\"context.submission.files\">\n\t\t\t\t\t\t\t\t<div class=\"field-file\">\n\t\t\t\t\t\t\t\t\t<div class=\"field-file__thumbnail\" data-wp-style--background-image=\"context.file.previewUrl\" data-wp-style--mask-image=\"context.file.iconUrl\" data-wp-bind--hidden=\"!context.file.hasPreview\"><\/div>\n\t\t\t\t\t\t\t\t\t<svg class=\"field-file__icon\" data-wp-bind--hidden=\"context.file.hasPreview\" width=\"20\" height=\"20\" viewBox=\"0 0 24 24\" fill=\"none\" xmlns=\"http:\/\/www.w3.org\/2000\/svg\" aria-hidden=\"true\">\n\t\t\t\t\t\t\t\t\t\t<path d=\"M14 2H6C4.9 2 4 2.9 4 4V20C4 21.1 4.89 22 5.99 22H18C19.1 22 20 21.1 20 20V8L14 2ZM18 20H6V4H13V9H18V20Z\" fill=\"currentColor\"\/>\n\t\t\t\t\t\t\t\t\t<\/svg>\n\t\t\t\t\t\t\t\t\t<span class=\"field-file__name\" data-wp-text=\"context.file.name\"><\/span>\n\t\t\t\t\t\t\t\t\t<span class=\"field-file__size\" data-wp-text=\"context.file.size\"><\/span>\n\t\t\t\t\t\t\t\t<\/div>\n\t\t\t\t\t\t\t<\/template>\n\t\t\t\t\t\t<\/div>\n\t\t\t\t\t<\/div>\n\t\t\t\t<\/template><\/div><form action='https:\/\/itayachtscanada.com\/fr\/listing\/sirena-68-2022-2950000-usd-for-sale\/'\n\t\t\t\tid='jp-form-f0907edadfe8d5448c73bfeee65287b6d06125bc'\n\t\t\t\tmethod='post'\n\t\t\t\tclass='contact-form commentsblock jetpack-contact-form__form has-no-jetpack-form-layout' aria-label=\"{:en}Sirena 68 2022 $2,500,000 usd for sale{:}{:fr}Sirena 68 2022 $2,500,000 usd \u00e0 vendre{:}\"\n\t\t\t\tdata-wp-on--submit=\"actions.onFormSubmit\"\n\t\t\t\tdata-wp-on--reset=\"actions.onFormReset\"\n\t\t\t\tdata-wp-class--submission-success=\"context.submissionSuccess\"\n\t\t\t\tdata-wp-class--is-first-step=\"state.isFirstStep\"\n\t\t\t\tdata-wp-class--is-last-step=\"state.isLastStep\"\n\t\t\t\tdata-wp-class--is-ajax-form=\"context.useAjax\"\n\t\t\t\tnovalidate >\n<input type='hidden' name='jetpack_contact_form_jwt' value='eyJ0eXAiOiJKV1QiLCJhbGciOiJIUzI1NiJ9.eyJlbmNyeXB0ZWRfYXR0cmlidXRlcyI6Ilp4TDZLNC9LaXpzQ3pMdEdlZ2MrNytDeWw4aVZoUTFaTkpKL0p4UE5URkRHbVNCQ2ZseE9iTVBSZjgrVkZhSWY4V3FneVVuU29TbHBISWFFV2p1TWpqdWE1T1NlcVNBNCsvVUJzeHZ0bWJlZXdTTzVXNzRSdDJTaDMwdW9wTXlBa3djV1ducFd4SC96UzZPZko4R1hTZ2FsZngzSWdkV1NJL2Vpb2ZJcnJwb3czQ0k2dVNjYkkxVDlmTC8xMk5CSldwbWhmcFZ4anRmaGFmdXBiYXpKT3JUWTdGa3hPMlNFMzh1bWhBU2NydzVvdjlEblgvZ2RGN2JaUGRUR1dZWk9DeTBEODJlR0VhN1ZDc1hlbWsrTTZhQmNzbjE5SlN5LzBFRFFEeFcxVy9vQlAwNEdMaFZVcVdFTng0MUUwUDBONTJJRDNyaCswSUJueWNZREN1cFFXOWs3cXRJalhNR1dYak9MUWx0YkhiQUZrdnYrLzJObmdCQzdndGpzT2RkRTBkbENka3poQllJSzBlTDk0T09ORVRGeko2aWZqL2RLZDcxWXpMMUdtTTBtVjl0OHpNT1dhZURyQkx2ZjFQV1NOR2xhSy91MXh5b042ZDBtRHhqaUh1UER2aHN6NEtnRUZabkhrWWVGYnJZSVRiR3ZxVllUMmlnUWhYKzZzbWVhSXFjUmxSWU5SYlg4ZnpNNVpUUXBvbDV0Wk15VXcyOUpRTEhJQ3lVdnBtWVovVGd4WFN3NVFLM1lKT3RZNC94SW1wY3YzTHQxUk9IWThtK0MwRHhkenZ3WHpaKzRwZnJVNTJHWW43dzFmbXoyTGU1U29ZYVZjektIOEVCZjI1STFybUR5R1l4aUx4OG5QOVovWVVTZ0JxK2NWR3R3ejJDaDZPWGxUWnhKTDU3ekFtWUNUOGg2dUxTbzFkYjcxNHg1MWJBWkVyTHdIMlpEb3gxeUlEUTlIeVZsNzhWNWRzdlBVR3BXU1dpSVVnQTRmV2ZDZjdtVmFjZGlHOFUrTlVHbWRjQldzRTBtdVNIQVhaczZPbkRFc0hKV3FrQWh4bGtPKzE0NnpxWE9OZ0IvU2FzV3JKYm9sSDlGNDg0Q0dWTlprVjErY2dJSUNDbmZyMUNBMGErKzhxRXNuMGlmVlA0cHFub2hDV3VjRWVsSmNPWmMrMUViVUNwMEtLWmRNWGNTYXA0cnpyL051UHA2VHV4SHFlZVp1TzUyL2NUanlZVUNzSUpKaHpabVJSTEJydVZYWGVISnBuUHcwRFBSbk1IK1BmeXU0VGd3ZERINFhKQkorZHY1IiwiY29udGVudCI6Iltjb250YWN0LWZpZWxkIGxhYmVsPVwiTm9tOlwiIHR5cGU9XCJuYW1lXCIgcmVxdWlyZWQ9XCIxXCJdW2NvbnRhY3QtZmllbGQgbGFiZWw9XCJFLW1haWxcIiB0eXBlPVwiZW1haWxcIiByZXF1aXJlZD1cIjFcIl1bY29udGFjdC1maWVsZCBsYWJlbD1cIkF1IHN1amV0IGRlIGNlIHlhY2h0OiBcIiB0eXBlPVwidGV4dFwiXVtjb250YWN0LWZpZWxkIGxhYmVsPVwiTWVzc2FnZVwiIHR5cGU9XCJ0ZXh0YXJlYVwiXSIsImhhc2giOiJmMDkwN2VkYWRmZThkNTQ0OGM3M2JmZWVlNjUyODdiNmQwNjEyNWJjIiwic291cmNlIjp7ImVudHJ5X3RpdGxlIjoiU2lyZW5hIDY4IDIwMjIgJDIsNTAwLDAwMCB1c2QgXHUwMGUwIHZlbmRyZSIsImVudHJ5X3BhZ2UiOjEsInNvdXJjZV9pZCI6MTc2MzkxLCJzb3VyY2VfdHlwZSI6InNpbmdsZSIsInJlcXVlc3RfdXJsIjoiaHR0cHM6Ly9pdGF5YWNodHNjYW5hZGEuY29tL2ZyL3dwLWpzb24vd3AvdjIvbGlzdGluZy8xNzYzOTEifSwidmVyc2lvbiI6MiwiY2lwaGVyIjoiYWVzLTI1Ni1nY20ifQ.eGuF0VvsR4CVes_p4QhTwDiftNG8Cwb-Z-w_0HePwts' \/>\n\n<div style=\"\"  data-wp-interactive=\"jetpack\/form\" data-wp-context='{\"fieldId\":\"g176391-nom\",\"fieldType\":\"name\",\"fieldLabel\":\"Nom:\",\"fieldValue\":\"\",\"fieldPlaceholder\":\"\",\"fieldIsRequired\":\"1\",\"fieldErrorMessage\":\"\",\"fieldExtra\":[],\"formHash\":\"f0907edadfe8d5448c73bfeee65287b6d06125bc\"}'  class='grunion-field-name-wrap grunion-field-wrap'  data-wp-init='callbacks.initializeField' data-wp-on--jetpack-form-reset='callbacks.initializeField' >\n<label\n\t\t\t\tfor='g176391-nom' class=\"grunion-field-label name\" >Nom:<span class=\"grunion-label-required\" aria-hidden=\"true\">(obligatoire)<\/span><\/label>\n<input\n\t\t\t\t\ttype='text'\n\t\t\t\t\tname='g176391-nom'\n\t\t\t\t\tid='g176391-nom'\n\t\t\t\t\tvalue=''\n\n\t\t\t\t\tdata-wp-bind--aria-invalid='state.fieldAriaInvalid'\n\t\t\t\t\tdata-wp-bind--value='state.getFieldValue'\n\t\t\t\t\taria-describedby='g176391-nom-text-error-message'\n\t\t\t\t\tdata-wp-on--input='actions.onFieldChange'\n\t\t\t\t\tdata-wp-on--blur='actions.onFieldBlur'\n\t\t\t\t\tdata-wp-class--has-value='state.hasFieldValue'\n\n\t\t\t\t\tclass='name  grunion-field' \n\t\t\t\t\trequired='true' aria-required='true'  \/>\n \n\t\t\t<div id=\"g176391-nom-text-error\" class=\"contact-form__input-error\" data-wp-class--has-errors=\"state.fieldHasErrors\">\n\t\t\t\t<span class=\"contact-form__warning-icon\" aria-hidden=\"true\">\n\t\t\t\t\t<svg width=\"16\" height=\"16\" viewBox=\"0 0 16 16\" fill=\"none\" xmlns=\"http:\/\/www.w3.org\/2000\/svg\">\n\t\t\t\t\t\t<path d=\"M8.50015 11.6402H7.50015V10.6402H8.50015V11.6402Z\" \/>\n\t\t\t\t\t\t<path d=\"M7.50015 9.64018H8.50015V6.30684H7.50015V9.64018Z\" \/>\n\t\t\t\t\t\t<path fill-rule=\"evenodd\" clip-rule=\"evenodd\" d=\"M6.98331 3.0947C7.42933 2.30177 8.57096 2.30177 9.01698 3.09469L13.8771 11.7349C14.3145 12.5126 13.7525 13.4735 12.8602 13.4735H3.14004C2.24774 13.4735 1.68575 12.5126 2.12321 11.7349L6.98331 3.0947ZM8.14541 3.58496C8.08169 3.47168 7.9186 3.47168 7.85488 3.58496L2.99478 12.2251C2.93229 12.3362 3.01257 12.4735 3.14004 12.4735H12.8602C12.9877 12.4735 13.068 12.3362 13.0055 12.2251L8.14541 3.58496Z\" \/>\n\t\t\t\t\t<\/svg>\n\t\t\t\t<\/span>\n\t\t\t\t<span data-wp-text=\"state.errorMessage\" id=\"g176391-nom-text-error-message\"><\/span>\n\t\t\t<\/div> \n\t<\/div>\n\n<div style=\"\"  data-wp-interactive=\"jetpack\/form\" data-wp-context='{\"fieldId\":\"g176391-email\",\"fieldType\":\"email\",\"fieldLabel\":\"E-mail\",\"fieldValue\":\"\",\"fieldPlaceholder\":\"\",\"fieldIsRequired\":\"1\",\"fieldErrorMessage\":\"\",\"fieldExtra\":[],\"formHash\":\"f0907edadfe8d5448c73bfeee65287b6d06125bc\"}'  class='grunion-field-email-wrap grunion-field-wrap'  data-wp-init='callbacks.initializeField' data-wp-on--jetpack-form-reset='callbacks.initializeField' >\n<label\n\t\t\t\tfor='g176391-email' class=\"grunion-field-label email\" >E-mail<span class=\"grunion-label-required\" aria-hidden=\"true\">(obligatoire)<\/span><\/label>\n<input\n\t\t\t\t\ttype='email'\n\t\t\t\t\tname='g176391-email'\n\t\t\t\t\tid='g176391-email'\n\t\t\t\t\tvalue=''\n\n\t\t\t\t\tdata-wp-bind--aria-invalid='state.fieldAriaInvalid'\n\t\t\t\t\tdata-wp-bind--value='state.getFieldValue'\n\t\t\t\t\taria-describedby='g176391-email-email-error-message'\n\t\t\t\t\tdata-wp-on--input='actions.onFieldChange'\n\t\t\t\t\tdata-wp-on--blur='actions.onFieldBlur'\n\t\t\t\t\tdata-wp-class--has-value='state.hasFieldValue'\n\n\t\t\t\t\tclass='email  grunion-field' \n\t\t\t\t\trequired='true' aria-required='true'  \/>\n \n\t\t\t<div id=\"g176391-email-email-error\" class=\"contact-form__input-error\" data-wp-class--has-errors=\"state.fieldHasErrors\">\n\t\t\t\t<span class=\"contact-form__warning-icon\" aria-hidden=\"true\">\n\t\t\t\t\t<svg width=\"16\" height=\"16\" viewBox=\"0 0 16 16\" fill=\"none\" xmlns=\"http:\/\/www.w3.org\/2000\/svg\">\n\t\t\t\t\t\t<path d=\"M8.50015 11.6402H7.50015V10.6402H8.50015V11.6402Z\" \/>\n\t\t\t\t\t\t<path d=\"M7.50015 9.64018H8.50015V6.30684H7.50015V9.64018Z\" \/>\n\t\t\t\t\t\t<path fill-rule=\"evenodd\" clip-rule=\"evenodd\" d=\"M6.98331 3.0947C7.42933 2.30177 8.57096 2.30177 9.01698 3.09469L13.8771 11.7349C14.3145 12.5126 13.7525 13.4735 12.8602 13.4735H3.14004C2.24774 13.4735 1.68575 12.5126 2.12321 11.7349L6.98331 3.0947ZM8.14541 3.58496C8.08169 3.47168 7.9186 3.47168 7.85488 3.58496L2.99478 12.2251C2.93229 12.3362 3.01257 12.4735 3.14004 12.4735H12.8602C12.9877 12.4735 13.068 12.3362 13.0055 12.2251L8.14541 3.58496Z\" \/>\n\t\t\t\t\t<\/svg>\n\t\t\t\t<\/span>\n\t\t\t\t<span data-wp-text=\"state.errorMessage\" id=\"g176391-email-email-error-message\"><\/span>\n\t\t\t<\/div> \n\t<\/div>\n\n<div style=\"\"  data-wp-interactive=\"jetpack\/form\" data-wp-context='{\"fieldId\":\"g176391-ausujetdeceyacht\",\"fieldType\":\"text\",\"fieldLabel\":\"Au sujet de ce yacht: \",\"fieldValue\":\"\",\"fieldPlaceholder\":\"\",\"fieldIsRequired\":\"\",\"fieldErrorMessage\":\"\",\"fieldExtra\":[],\"formHash\":\"f0907edadfe8d5448c73bfeee65287b6d06125bc\"}'  class='grunion-field-text-wrap grunion-field-wrap'  data-wp-init='callbacks.initializeField' data-wp-on--jetpack-form-reset='callbacks.initializeField' >\n<label\n\t\t\t\tfor='g176391-ausujetdeceyacht' class=\"grunion-field-label text\" >Au sujet de ce yacht: <\/label>\n<input\n\t\t\t\t\ttype='text'\n\t\t\t\t\tname='g176391-ausujetdeceyacht'\n\t\t\t\t\tid='g176391-ausujetdeceyacht'\n\t\t\t\t\tvalue=''\n\n\t\t\t\t\tdata-wp-bind--aria-invalid='state.fieldAriaInvalid'\n\t\t\t\t\tdata-wp-bind--value='state.getFieldValue'\n\t\t\t\t\taria-describedby='g176391-ausujetdeceyacht-text-error-message'\n\t\t\t\t\tdata-wp-on--input='actions.onFieldChange'\n\t\t\t\t\tdata-wp-on--blur='actions.onFieldBlur'\n\t\t\t\t\tdata-wp-class--has-value='state.hasFieldValue'\n\n\t\t\t\t\tclass='text  grunion-field' \n\t\t\t\t\t \/>\n \n\t\t\t<div id=\"g176391-ausujetdeceyacht-text-error\" class=\"contact-form__input-error\" data-wp-class--has-errors=\"state.fieldHasErrors\">\n\t\t\t\t<span class=\"contact-form__warning-icon\" aria-hidden=\"true\">\n\t\t\t\t\t<svg width=\"16\" height=\"16\" viewBox=\"0 0 16 16\" fill=\"none\" xmlns=\"http:\/\/www.w3.org\/2000\/svg\">\n\t\t\t\t\t\t<path d=\"M8.50015 11.6402H7.50015V10.6402H8.50015V11.6402Z\" \/>\n\t\t\t\t\t\t<path d=\"M7.50015 9.64018H8.50015V6.30684H7.50015V9.64018Z\" \/>\n\t\t\t\t\t\t<path fill-rule=\"evenodd\" clip-rule=\"evenodd\" d=\"M6.98331 3.0947C7.42933 2.30177 8.57096 2.30177 9.01698 3.09469L13.8771 11.7349C14.3145 12.5126 13.7525 13.4735 12.8602 13.4735H3.14004C2.24774 13.4735 1.68575 12.5126 2.12321 11.7349L6.98331 3.0947ZM8.14541 3.58496C8.08169 3.47168 7.9186 3.47168 7.85488 3.58496L2.99478 12.2251C2.93229 12.3362 3.01257 12.4735 3.14004 12.4735H12.8602C12.9877 12.4735 13.068 12.3362 13.0055 12.2251L8.14541 3.58496Z\" \/>\n\t\t\t\t\t<\/svg>\n\t\t\t\t<\/span>\n\t\t\t\t<span data-wp-text=\"state.errorMessage\" id=\"g176391-ausujetdeceyacht-text-error-message\"><\/span>\n\t\t\t<\/div> \n\t<\/div>\n\n<div style=\"\"  data-wp-interactive=\"jetpack\/form\" data-wp-context='{\"fieldId\":\"g176391-message\",\"fieldType\":\"textarea\",\"fieldLabel\":\"Message\",\"fieldValue\":\"\",\"fieldPlaceholder\":\"\",\"fieldIsRequired\":\"\",\"fieldErrorMessage\":\"\",\"fieldExtra\":[],\"formHash\":\"f0907edadfe8d5448c73bfeee65287b6d06125bc\"}'  class='grunion-field-textarea-wrap grunion-field-wrap'  data-wp-init='callbacks.initializeField' data-wp-on--jetpack-form-reset='callbacks.initializeField' >\n<label\n\t\t\t\tfor='contact-form-comment-g176391-message' class=\"grunion-field-label textarea\" >Message<\/label>\n<textarea\n\t\t                style=''\n\t\t                name='g176391-message'\n\t\t                id='contact-form-comment-g176391-message'\n\t\t                rows='20'\n\t\t\t\t\t\tdata-wp-text='state.getFieldValue'\n\t\t\t\t\t\tdata-wp-on--input='actions.onFieldChange'\n\t\t\t\t\t\tdata-wp-on--blur='actions.onFieldBlur'\n\t\t\t\t\t\tdata-wp-class--has-value='state.hasFieldValue'\n\t\t\t\t\t\taria-describedby='g176391-message-textarea-error-message'\n\t\t\t\t\t\tdata-wp-bind--aria-invalid='state.fieldAriaInvalid'\n\t\t\t\t\t\tclass='textarea  grunion-field'  ><\/textarea>\n \n\t\t\t<div id=\"g176391-message-textarea-error\" class=\"contact-form__input-error\" data-wp-class--has-errors=\"state.fieldHasErrors\">\n\t\t\t\t<span class=\"contact-form__warning-icon\" aria-hidden=\"true\">\n\t\t\t\t\t<svg width=\"16\" height=\"16\" viewBox=\"0 0 16 16\" fill=\"none\" xmlns=\"http:\/\/www.w3.org\/2000\/svg\">\n\t\t\t\t\t\t<path d=\"M8.50015 11.6402H7.50015V10.6402H8.50015V11.6402Z\" \/>\n\t\t\t\t\t\t<path d=\"M7.50015 9.64018H8.50015V6.30684H7.50015V9.64018Z\" \/>\n\t\t\t\t\t\t<path fill-rule=\"evenodd\" clip-rule=\"evenodd\" d=\"M6.98331 3.0947C7.42933 2.30177 8.57096 2.30177 9.01698 3.09469L13.8771 11.7349C14.3145 12.5126 13.7525 13.4735 12.8602 13.4735H3.14004C2.24774 13.4735 1.68575 12.5126 2.12321 11.7349L6.98331 3.0947ZM8.14541 3.58496C8.08169 3.47168 7.9186 3.47168 7.85488 3.58496L2.99478 12.2251C2.93229 12.3362 3.01257 12.4735 3.14004 12.4735H12.8602C12.9877 12.4735 13.068 12.3362 13.0055 12.2251L8.14541 3.58496Z\" \/>\n\t\t\t\t\t<\/svg>\n\t\t\t\t<\/span>\n\t\t\t\t<span data-wp-text=\"state.errorMessage\" id=\"g176391-message-textarea-error-message\"><\/span>\n\t\t\t<\/div>\n\t<\/div>\n\t<p class='contact-submit'>\n<div class=\"contact-form__error\" data-wp-class--show-errors=\"state.showFormErrors\"><span class=\"contact-form__warning-icon\" aria-hidden=\"true\"><i><\/i><\/span><span class=\"contact-form__error-message\" tabindex=\"-1\" data-wp-watch=\"callbacks.focusOnValidationError\" data-wp-text=\"state.getFormErrorMessage\"><\/span><ul aria-label=\"Erreurs de formulaire\">\n\t\t\t\t<template data-wp-each=\"state.getErrorList\" data-wp-key=\"context.item.id\">\n\t\t\t\t\t<li><a data-wp-bind--href=\"context.item.anchor\" data-wp-on--click=\"actions.scrollIntoView\" data-wp-text=\"context.item.label\"><\/a><\/li>\n\t\t\t\t<\/template>\n\t\t\t\t<\/ul><\/div><div class=\"contact-form__error\" data-wp-class--show-errors=\"state.showSubmissionError\" data-wp-text=\"context.submissionError\" tabindex=\"-1\" data-wp-watch=\"callbacks.focusOnSubmissionError\"><\/div>\t\t<button type='submit' class='pushbutton-wide'>Envoyer<\/button>\t\t<input type='hidden' name='contact-form-id' value='176391' \/>\n\t\t<input type='hidden' name='action' value='grunion-contact-form' \/>\n\t\t<input type='hidden' name='contact-form-hash' value='f0907edadfe8d5448c73bfeee65287b6d06125bc' \/>\n\t<\/p>\n<p style=\"display: none !important;\" class=\"akismet-fields-container\" data-prefix=\"ak_\"><label>&#916;<textarea name=\"ak_hp_textarea\" cols=\"45\" rows=\"8\" maxlength=\"100\"><\/textarea><\/label><input type=\"hidden\" id=\"ak_js_1\" name=\"ak_js\" value=\"193\"\/><script type=\"text\/javascript\">\n\/* <![CDATA[ *\/\ndocument.getElementById( \"ak_js_1\" ).setAttribute( \"value\", ( new Date() ).getTime() );\n\/* ]]> *\/\n<\/script>\n<\/p><\/form>\n<\/div>\n<p>&nbsp;<\/p>\n<p>&nbsp;<\/p>\n<\/div>\n<\/div>\n","protected":false},"excerpt":{"rendered":"<p>OFF MARKET (pr\u00e9sentement retir\u00e9 de la vente) Sirena 68 2022 $2,500,000 usd \u00e0 vendre VESPER LYND est un exemple tr\u00e8s am\u00e9lior\u00e9 et tr\u00e8s aim\u00e9 du fabuleux 68&prime; de Sirena. Il s&rsquo;agit d&rsquo;un bateau \u00e0 propri\u00e9taire unique qui a toujours \u00e9t\u00e9 entretenu par le capitaine selon les normes les plus strictes. Le design de la coque &hellip; <a href=\"https:\/\/itayachtscanada.com\/fr\/listing\/sirena-68-2022-2950000-usd-for-sale\/\" class=\"more-link\">Lire la suite <span class=\"screen-reader-text\">Sirena 68 2022 $2,500,000 usd \u00e0 vendre<\/span> <span class=\"meta-nav\">&rarr;<\/span><\/a><\/p>\n","protected":false},"author":119081455,"featured_media":176414,"parent":0,"menu_order":0,"comment_status":"open","ping_status":"open","template":"","format":"standard","meta":{"_coblocks_attr":"","_coblocks_dimensions":"","_coblocks_responsive_height":"","_coblocks_accordion_ie_support":"","_lmt_disableupdate":"no","_lmt_disable":"no","advanced_seo_description":"","jetpack_seo_html_title":"","jetpack_seo_noindex":false,"footnotes":""},"manufacturer":[6722],"prix":[6807],"years":[6482],"length_feet":[6588],"boat_type":[6464],"price_range":[6580],"localisations":[],"numyacht":[9735],"datevente":[10471,10594,10714,11017,11172,11281],"country":[10755],"states":[10770],"city":[10812],"fresh-water-boat":[10809],"broker":[10943],"migration":[10888],"class_list":["post-176391","listing","type-listing","status-publish","format-standard","has-post-thumbnail","hentry","manufacturer-sirena","prix-6807","years-6482","length_feet-between-60-and-69-feets","boat_type-flybridge","price_range-1500000-2999999","numyacht-9735","datevente-2025-06-24","datevente-2025-08-20","datevente-2025-10-18","datevente-2025-12-15","datevente-2026-02-11","datevente-2026-04-10","country-united-states","states-floride","city-fort-lauderdale","fresh-water-boat-non","broker-denison","migration-non"],"translation":{"provider":"WPGlobus","version":"2.12.2","language":"fr","enabled_languages":["en","fr"],"languages":{"en":{"title":true,"content":true,"excerpt":false},"fr":{"title":true,"content":true,"excerpt":false}}},"jetpack_likes_enabled":true,"jetpack_sharing_enabled":true,"_links":{"self":[{"href":"https:\/\/itayachtscanada.com\/fr\/wp-json\/wp\/v2\/listing\/176391","targetHints":{"allow":["GET"]}}],"collection":[{"href":"https:\/\/itayachtscanada.com\/fr\/wp-json\/wp\/v2\/listing"}],"about":[{"href":"https:\/\/itayachtscanada.com\/fr\/wp-json\/wp\/v2\/types\/listing"}],"author":[{"embeddable":true,"href":"https:\/\/itayachtscanada.com\/fr\/wp-json\/wp\/v2\/users\/119081455"}],"replies":[{"embeddable":true,"href":"https:\/\/itayachtscanada.com\/fr\/wp-json\/wp\/v2\/comments?post=176391"}],"version-history":[{"count":15,"href":"https:\/\/itayachtscanada.com\/fr\/wp-json\/wp\/v2\/listing\/176391\/revisions"}],"predecessor-version":[{"id":296048,"href":"https:\/\/itayachtscanada.com\/fr\/wp-json\/wp\/v2\/listing\/176391\/revisions\/296048"}],"wp:featuredmedia":[{"embeddable":true,"href":"https:\/\/itayachtscanada.com\/fr\/wp-json\/wp\/v2\/media\/176414"}],"wp:attachment":[{"href":"https:\/\/itayachtscanada.com\/fr\/wp-json\/wp\/v2\/media?parent=176391"}],"wp:term":[{"taxonomy":"manufacturer","embeddable":true,"href":"https:\/\/itayachtscanada.com\/fr\/wp-json\/wp\/v2\/manufacturer?post=176391"},{"taxonomy":"prix","embeddable":true,"href":"https:\/\/itayachtscanada.com\/fr\/wp-json\/wp\/v2\/prix?post=176391"},{"taxonomy":"years","embeddable":true,"href":"https:\/\/itayachtscanada.com\/fr\/wp-json\/wp\/v2\/years?post=176391"},{"taxonomy":"length_feet","embeddable":true,"href":"https:\/\/itayachtscanada.com\/fr\/wp-json\/wp\/v2\/length_feet?post=176391"},{"taxonomy":"boat_type","embeddable":true,"href":"https:\/\/itayachtscanada.com\/fr\/wp-json\/wp\/v2\/boat_type?post=176391"},{"taxonomy":"price_range","embeddable":true,"href":"https:\/\/itayachtscanada.com\/fr\/wp-json\/wp\/v2\/price_range?post=176391"},{"taxonomy":"localisations","embeddable":true,"href":"https:\/\/itayachtscanada.com\/fr\/wp-json\/wp\/v2\/localisations?post=176391"},{"taxonomy":"numyacht","embeddable":true,"href":"https:\/\/itayachtscanada.com\/fr\/wp-json\/wp\/v2\/numyacht?post=176391"},{"taxonomy":"datevente","embeddable":true,"href":"https:\/\/itayachtscanada.com\/fr\/wp-json\/wp\/v2\/datevente?post=176391"},{"taxonomy":"country","embeddable":true,"href":"https:\/\/itayachtscanada.com\/fr\/wp-json\/wp\/v2\/country?post=176391"},{"taxonomy":"states","embeddable":true,"href":"https:\/\/itayachtscanada.com\/fr\/wp-json\/wp\/v2\/states?post=176391"},{"taxonomy":"city","embeddable":true,"href":"https:\/\/itayachtscanada.com\/fr\/wp-json\/wp\/v2\/city?post=176391"},{"taxonomy":"fresh-water-boat","embeddable":true,"href":"https:\/\/itayachtscanada.com\/fr\/wp-json\/wp\/v2\/fresh-water-boat?post=176391"},{"taxonomy":"broker","embeddable":true,"href":"https:\/\/itayachtscanada.com\/fr\/wp-json\/wp\/v2\/broker?post=176391"},{"taxonomy":"migration","embeddable":true,"href":"https:\/\/itayachtscanada.com\/fr\/wp-json\/wp\/v2\/migration?post=176391"}],"curies":[{"name":"wp","href":"https:\/\/api.w.org\/{rel}","templated":true}]}}