{"id":175840,"date":"2024-09-03T15:37:36","date_gmt":"2024-09-03T19:37:36","guid":{"rendered":"https:\/\/itayachtscanada.com\/?post_type=listing&#038;p=175840"},"modified":"2026-04-07T18:28:02","modified_gmt":"2026-04-07T22:28:02","slug":"ferretti-custom-line-106-2023-10995000-usd-for-sale","status":"publish","type":"listing","link":"https:\/\/itayachtscanada.com\/fr\/listing\/ferretti-custom-line-106-2023-10995000-usd-for-sale\/","title":{"rendered":"Ferretti Custom Line 106 2023 $9,495,000 usd \u00e0 vendre"},"content":{"rendered":"<p>OFF MARKET (pr\u00e9sentement retir\u00e9 de la vente)<\/p>\n<p><strong>Ferretti Custom Line 106 2023 $9,495,000 usd \u00e0 vendre<\/strong><\/p>\n<p>*Parfait \u00e9tat, jamais utilis\u00e9<br \/>\n* Seulement 80 heures<br \/>\n* Garantie compl\u00e8te disponible<\/p>\n<p>Ce superbe 2023 Custom Line 106 est un chef-d&rsquo;\u0153uvre du design et de l&rsquo;ing\u00e9nierie italiens. Avec seulement 80 heures de moteur et n&rsquo;ayant jamais \u00e9t\u00e9 utilis\u00e9, ce yacht est en parfait \u00e9tat, comme neuf. Il offre un luxe in\u00e9gal\u00e9, une technologie de pointe et des performances exceptionnelles, ce qui en fait le choix ultime pour les propri\u00e9taires de yachts exigeants.<\/p>\n<p>Caract\u00e9ristiques principales :<\/p>\n<p>Int\u00e9rieur spacieux : \u00c9l\u00e9gant, moderne et con\u00e7u pour le confort, avec des mat\u00e9riaux et des finitions haut de gamme.<br \/>\nSyst\u00e8mes de navigation avanc\u00e9s : Technologie de pointe pour une croisi\u00e8re en douceur et en toute s\u00e9curit\u00e9.<br \/>\nAm\u00e9nagements luxueux : Avec notamment un grand pont soleil et de nombreux espaces pour recevoir les invit\u00e9s.<br \/>\nPerformance : Le bateau est propuls\u00e9 \u00e0 une vitesse et une maniabilit\u00e9 exceptionnelles, pour une navigation \u00e0 la fois palpitante et douce.<br \/>\nGarantie compl\u00e8te : Pour s&rsquo;assurer que chaque composant de ce yacht est couvert.<\/p>\n<p>Il s&rsquo;agit d&rsquo;une opportunit\u00e9 extraordinaire de poss\u00e9der un Custom Line 106 flambant neuf sans attendre. Propos\u00e9 \u00e0 un prix comp\u00e9titif de 10 995 000 $, ce yacht est une perle rare et ne restera pas longtemps sur le march\u00e9.<\/p>\n<h3>Ce Ferretti Custom Line 106 est situ\u00e9 dans le sud de la Floride, veuillez nous contacter au 514-521-1221 pour tous les d\u00e9tails concernant ce Ferretti Yachts Custom Line 106, notre bureau est situ\u00e9 en banlieue de Montr\u00e9al.<\/h3>\n<p><a href=\"https:\/\/itayachtscanada.com\/fr\/virtuals_visits\/ferretti-custom-line-106\/\">Cliquez ici<\/a> pour une visite virtuelle du Ferretti Custom Line 106.<\/p>\n<p>Dimensions du bateau<br \/>\nLongueur hors tout : 106 pieds<br \/>\nLargeur : 24 pi 3 po<br \/>\nTirant d&rsquo;eau maximum : 6 pi 8 po<br \/>\nPoids<br \/>\nD\u00e9placement : 321875 lb<br \/>\nVitesse de croisi\u00e8re<br \/>\nVitesse de croisi\u00e8re : 22 noeuds en r\u00e9gime \u00e9tabli<br \/>\nVitesse \u00e0 la coque : 26 kn \u00e0 tr\/min<br \/>\nRayon d&rsquo;action : 400 nmi<br \/>\nR\u00e9servoirs<br \/>\nCarburant : (3884 gal)<br \/>\nEau douce : (793 gal)<br \/>\nH\u00e9bergement<br \/>\nCabines invit\u00e9s : 5<br \/>\nCabines d&rsquo;\u00e9quipage : 3<br \/>\nToilettes invit\u00e9s : 6<br \/>\nAutre<br \/>\nPavillon d&rsquo;immatriculation : \u00celes Marshall<br \/>\nConcepteur : Francesco Paszkowski<\/p>\n<p>&nbsp;<\/p>\n<p>Moteurs :<\/p>\n<p>2000 MTU M96L 16V (Moteur 1)<br \/>\nType de moteur : Inboard<br \/>\nType de carburant : Diesel<br \/>\nHeures de fonctionnement du moteur : 80<br \/>\nPuissance : 2000 hp<\/p>\n<p>2000 MTU M96L 16V (moteur 2)<br \/>\nType de moteur : Inboard<br \/>\nType de carburant : Diesel<br \/>\nHeures de fonctionnement du moteur : 80<br \/>\nPuissance : 2000 hp<\/p>\n<p>&nbsp;<\/p>\n<div class=\"html-content-description\">\n<div class=\"content-box\">\n<div class=\"column-container cols-3\">\n<div class=\"column\">\n<div class=\"column-item\">\n<div>\n<div class=\"content-box\">\n<div class=\"column-container cols-3\">\n<div class=\"column\">\n<div class=\"column-item\">\n<div><\/div>\n<\/div>\n<\/div>\n<\/div>\n<\/div>\n<\/div>\n<\/div>\n<\/div>\n<\/div>\n<\/div>\n<div class=\"tiled-gallery type-rectangular tiled-gallery-unresized\" data-original-width=\"700\" data-carousel-extra='{&quot;blog_id&quot;:1,&quot;permalink&quot;:&quot;https:\\\/\\\/itayachtscanada.com\\\/fr\\\/listing\\\/ferretti-custom-line-106-2023-10995000-usd-for-sale\\\/&quot;,&quot;likes_blog_id&quot;:198557287}' itemscope itemtype=\"http:\/\/schema.org\/ImageGallery\" > <div class=\"gallery-row\" style=\"width: 700px; height: 316px;\" data-original-width=\"700\" data-original-height=\"316\" > <div class=\"gallery-group images-1\" style=\"width: 467px; height: 316px;\" data-original-width=\"467\" data-original-height=\"316\" > <div class=\"tiled-gallery-item tiled-gallery-item-large\" itemprop=\"associatedMedia\" itemscope itemtype=\"http:\/\/schema.org\/ImageObject\"> <a href=\"https:\/\/itayachtscanada.com\/fr\/listing\/ferretti-custom-line-106-2023-10995000-usd-for-sale\/capture-decran-le-2024-09-03-a-14-28-29\/\" border=\"0\" itemprop=\"url\"> <meta itemprop=\"width\" content=\"463\"> <meta itemprop=\"height\" content=\"312\"> <img decoding=\"async\" class=\"\" data-attachment-id=\"175844\" data-orig-file=\"https:\/\/itayachtscanada.com\/wp-content\/uploads\/2024\/09\/Capture-decran-le-2024-09-03-a-14.28.29.jpg\" data-orig-size=\"1496,1006\" data-comments-opened=\"1\" data-image-meta=\"{&quot;aperture&quot;:&quot;0&quot;,&quot;credit&quot;:&quot;&quot;,&quot;camera&quot;:&quot;&quot;,&quot;caption&quot;:&quot;&quot;,&quot;created_timestamp&quot;:&quot;0&quot;,&quot;copyright&quot;:&quot;&quot;,&quot;focal_length&quot;:&quot;0&quot;,&quot;iso&quot;:&quot;0&quot;,&quot;shutter_speed&quot;:&quot;0&quot;,&quot;title&quot;:&quot;&quot;,&quot;orientation&quot;:&quot;0&quot;}\" data-image-title=\"Capture d\u2019e\u0301cran, le 2024-09-03 a\u0300 14.28.29\" data-image-description=\"\" data-medium-file=\"https:\/\/i0.wp.com\/itayachtscanada.com\/wp-content\/uploads\/2024\/09\/Capture-decran-le-2024-09-03-a-14.28.29.jpg?fit=300%2C202&#038;ssl=1\" data-large-file=\"https:\/\/i0.wp.com\/itayachtscanada.com\/wp-content\/uploads\/2024\/09\/Capture-decran-le-2024-09-03-a-14.28.29.jpg?fit=700%2C471&#038;ssl=1\" src=\"https:\/\/i0.wp.com\/itayachtscanada.com\/wp-content\/uploads\/2024\/09\/Capture-decran-le-2024-09-03-a-14.28.29.jpg?w=463&#038;h=312&#038;ssl=1\" srcset=\"https:\/\/i0.wp.com\/itayachtscanada.com\/wp-content\/uploads\/2024\/09\/Capture-decran-le-2024-09-03-a-14.28.29.jpg?w=1496&amp;ssl=1 1496w, https:\/\/i0.wp.com\/itayachtscanada.com\/wp-content\/uploads\/2024\/09\/Capture-decran-le-2024-09-03-a-14.28.29.jpg?resize=300%2C202&amp;ssl=1 300w, https:\/\/i0.wp.com\/itayachtscanada.com\/wp-content\/uploads\/2024\/09\/Capture-decran-le-2024-09-03-a-14.28.29.jpg?resize=1024%2C689&amp;ssl=1 1024w, https:\/\/i0.wp.com\/itayachtscanada.com\/wp-content\/uploads\/2024\/09\/Capture-decran-le-2024-09-03-a-14.28.29.jpg?resize=768%2C516&amp;ssl=1 768w, https:\/\/i0.wp.com\/itayachtscanada.com\/wp-content\/uploads\/2024\/09\/Capture-decran-le-2024-09-03-a-14.28.29.jpg?resize=700%2C471&amp;ssl=1 700w, https:\/\/i0.wp.com\/itayachtscanada.com\/wp-content\/uploads\/2024\/09\/Capture-decran-le-2024-09-03-a-14.28.29.jpg?resize=595%2C400&amp;ssl=1 595w, https:\/\/i0.wp.com\/itayachtscanada.com\/wp-content\/uploads\/2024\/09\/Capture-decran-le-2024-09-03-a-14.28.29.jpg?w=1400&amp;ssl=1 1400w\" width=\"463\" height=\"312\" loading=\"lazy\" data-original-width=\"463\" data-original-height=\"312\" itemprop=\"http:\/\/schema.org\/image\" title=\"Capture d\u2019e\u0301cran, le 2024-09-03 a\u0300 14.28.29\" alt=\"Capture d\u2019e\u0301cran, le 2024-09-03 a\u0300 14.28.29\" style=\"width: 463px; height: 312px;\" \/> <\/a> <\/div> <\/div> <!-- close group --> <div class=\"gallery-group images-2\" style=\"width: 233px; height: 316px;\" data-original-width=\"233\" data-original-height=\"316\" > <div class=\"tiled-gallery-item tiled-gallery-item-small\" itemprop=\"associatedMedia\" itemscope itemtype=\"http:\/\/schema.org\/ImageObject\"> <a href=\"https:\/\/itayachtscanada.com\/fr\/listing\/ferretti-custom-line-106-2023-10995000-usd-for-sale\/capture-decran-le-2024-09-03-a-14-28-35\/\" border=\"0\" itemprop=\"url\"> <meta itemprop=\"width\" content=\"229\"> <meta itemprop=\"height\" content=\"154\"> <img decoding=\"async\" class=\"\" data-attachment-id=\"175843\" data-orig-file=\"https:\/\/itayachtscanada.com\/wp-content\/uploads\/2024\/09\/Capture-decran-le-2024-09-03-a-14.28.35.jpg\" data-orig-size=\"1496,1006\" data-comments-opened=\"1\" data-image-meta=\"{&quot;aperture&quot;:&quot;0&quot;,&quot;credit&quot;:&quot;&quot;,&quot;camera&quot;:&quot;&quot;,&quot;caption&quot;:&quot;&quot;,&quot;created_timestamp&quot;:&quot;0&quot;,&quot;copyright&quot;:&quot;&quot;,&quot;focal_length&quot;:&quot;0&quot;,&quot;iso&quot;:&quot;0&quot;,&quot;shutter_speed&quot;:&quot;0&quot;,&quot;title&quot;:&quot;&quot;,&quot;orientation&quot;:&quot;0&quot;}\" data-image-title=\"Capture d\u2019e\u0301cran, le 2024-09-03 a\u0300 14.28.35\" data-image-description=\"\" data-medium-file=\"https:\/\/i0.wp.com\/itayachtscanada.com\/wp-content\/uploads\/2024\/09\/Capture-decran-le-2024-09-03-a-14.28.35.jpg?fit=300%2C202&#038;ssl=1\" data-large-file=\"https:\/\/i0.wp.com\/itayachtscanada.com\/wp-content\/uploads\/2024\/09\/Capture-decran-le-2024-09-03-a-14.28.35.jpg?fit=700%2C471&#038;ssl=1\" src=\"https:\/\/i0.wp.com\/itayachtscanada.com\/wp-content\/uploads\/2024\/09\/Capture-decran-le-2024-09-03-a-14.28.35.jpg?w=229&#038;h=154&#038;ssl=1\" srcset=\"https:\/\/i0.wp.com\/itayachtscanada.com\/wp-content\/uploads\/2024\/09\/Capture-decran-le-2024-09-03-a-14.28.35.jpg?w=1496&amp;ssl=1 1496w, https:\/\/i0.wp.com\/itayachtscanada.com\/wp-content\/uploads\/2024\/09\/Capture-decran-le-2024-09-03-a-14.28.35.jpg?resize=300%2C202&amp;ssl=1 300w, https:\/\/i0.wp.com\/itayachtscanada.com\/wp-content\/uploads\/2024\/09\/Capture-decran-le-2024-09-03-a-14.28.35.jpg?resize=1024%2C689&amp;ssl=1 1024w, https:\/\/i0.wp.com\/itayachtscanada.com\/wp-content\/uploads\/2024\/09\/Capture-decran-le-2024-09-03-a-14.28.35.jpg?resize=768%2C516&amp;ssl=1 768w, https:\/\/i0.wp.com\/itayachtscanada.com\/wp-content\/uploads\/2024\/09\/Capture-decran-le-2024-09-03-a-14.28.35.jpg?resize=700%2C471&amp;ssl=1 700w, https:\/\/i0.wp.com\/itayachtscanada.com\/wp-content\/uploads\/2024\/09\/Capture-decran-le-2024-09-03-a-14.28.35.jpg?resize=900%2C600&amp;ssl=1 900w, https:\/\/i0.wp.com\/itayachtscanada.com\/wp-content\/uploads\/2024\/09\/Capture-decran-le-2024-09-03-a-14.28.35.jpg?resize=595%2C400&amp;ssl=1 595w, https:\/\/i0.wp.com\/itayachtscanada.com\/wp-content\/uploads\/2024\/09\/Capture-decran-le-2024-09-03-a-14.28.35.jpg?w=1400&amp;ssl=1 1400w\" width=\"229\" height=\"154\" loading=\"lazy\" data-original-width=\"229\" data-original-height=\"154\" itemprop=\"http:\/\/schema.org\/image\" title=\"Capture d\u2019e\u0301cran, le 2024-09-03 a\u0300 14.28.35\" alt=\"Capture d\u2019e\u0301cran, le 2024-09-03 a\u0300 14.28.35\" style=\"width: 229px; height: 154px;\" \/> <\/a> <\/div> <div class=\"tiled-gallery-item tiled-gallery-item-small\" itemprop=\"associatedMedia\" itemscope itemtype=\"http:\/\/schema.org\/ImageObject\"> <a href=\"https:\/\/itayachtscanada.com\/fr\/listing\/ferretti-custom-line-106-2023-10995000-usd-for-sale\/capture-decran-le-2024-09-03-a-14-28-23\/\" border=\"0\" itemprop=\"url\"> <meta itemprop=\"width\" content=\"229\"> <meta itemprop=\"height\" content=\"154\"> <img decoding=\"async\" class=\"\" data-attachment-id=\"175845\" data-orig-file=\"https:\/\/itayachtscanada.com\/wp-content\/uploads\/2024\/09\/Capture-decran-le-2024-09-03-a-14.28.23.jpg\" data-orig-size=\"1496,1006\" data-comments-opened=\"1\" data-image-meta=\"{&quot;aperture&quot;:&quot;0&quot;,&quot;credit&quot;:&quot;&quot;,&quot;camera&quot;:&quot;&quot;,&quot;caption&quot;:&quot;&quot;,&quot;created_timestamp&quot;:&quot;0&quot;,&quot;copyright&quot;:&quot;&quot;,&quot;focal_length&quot;:&quot;0&quot;,&quot;iso&quot;:&quot;0&quot;,&quot;shutter_speed&quot;:&quot;0&quot;,&quot;title&quot;:&quot;&quot;,&quot;orientation&quot;:&quot;0&quot;}\" data-image-title=\"Capture d\u2019e\u0301cran, le 2024-09-03 a\u0300 14.28.23\" data-image-description=\"\" data-medium-file=\"https:\/\/i0.wp.com\/itayachtscanada.com\/wp-content\/uploads\/2024\/09\/Capture-decran-le-2024-09-03-a-14.28.23.jpg?fit=300%2C202&#038;ssl=1\" data-large-file=\"https:\/\/i0.wp.com\/itayachtscanada.com\/wp-content\/uploads\/2024\/09\/Capture-decran-le-2024-09-03-a-14.28.23.jpg?fit=700%2C471&#038;ssl=1\" src=\"https:\/\/i0.wp.com\/itayachtscanada.com\/wp-content\/uploads\/2024\/09\/Capture-decran-le-2024-09-03-a-14.28.23.jpg?w=229&#038;h=154&#038;ssl=1\" srcset=\"https:\/\/i0.wp.com\/itayachtscanada.com\/wp-content\/uploads\/2024\/09\/Capture-decran-le-2024-09-03-a-14.28.23.jpg?w=1496&amp;ssl=1 1496w, https:\/\/i0.wp.com\/itayachtscanada.com\/wp-content\/uploads\/2024\/09\/Capture-decran-le-2024-09-03-a-14.28.23.jpg?resize=300%2C202&amp;ssl=1 300w, https:\/\/i0.wp.com\/itayachtscanada.com\/wp-content\/uploads\/2024\/09\/Capture-decran-le-2024-09-03-a-14.28.23.jpg?resize=1024%2C689&amp;ssl=1 1024w, https:\/\/i0.wp.com\/itayachtscanada.com\/wp-content\/uploads\/2024\/09\/Capture-decran-le-2024-09-03-a-14.28.23.jpg?resize=768%2C516&amp;ssl=1 768w, https:\/\/i0.wp.com\/itayachtscanada.com\/wp-content\/uploads\/2024\/09\/Capture-decran-le-2024-09-03-a-14.28.23.jpg?resize=700%2C471&amp;ssl=1 700w, https:\/\/i0.wp.com\/itayachtscanada.com\/wp-content\/uploads\/2024\/09\/Capture-decran-le-2024-09-03-a-14.28.23.jpg?resize=900%2C600&amp;ssl=1 900w, https:\/\/i0.wp.com\/itayachtscanada.com\/wp-content\/uploads\/2024\/09\/Capture-decran-le-2024-09-03-a-14.28.23.jpg?resize=595%2C400&amp;ssl=1 595w, https:\/\/i0.wp.com\/itayachtscanada.com\/wp-content\/uploads\/2024\/09\/Capture-decran-le-2024-09-03-a-14.28.23.jpg?w=1400&amp;ssl=1 1400w\" width=\"229\" height=\"154\" loading=\"lazy\" data-original-width=\"229\" data-original-height=\"154\" itemprop=\"http:\/\/schema.org\/image\" title=\"Capture d\u2019e\u0301cran, le 2024-09-03 a\u0300 14.28.23\" alt=\"Capture d\u2019e\u0301cran, le 2024-09-03 a\u0300 14.28.23\" style=\"width: 229px; height: 154px;\" \/> <\/a> <\/div> <\/div> <!-- close group --> <\/div> <!-- close row --> <div class=\"gallery-row\" style=\"width: 700px; height: 191px;\" data-original-width=\"700\" data-original-height=\"191\" > <div class=\"gallery-group images-1\" style=\"width: 350px; height: 191px;\" data-original-width=\"350\" data-original-height=\"191\" > <div class=\"tiled-gallery-item tiled-gallery-item-large\" itemprop=\"associatedMedia\" itemscope itemtype=\"http:\/\/schema.org\/ImageObject\"> <a href=\"https:\/\/itayachtscanada.com\/fr\/listing\/ferretti-custom-line-106-2023-10995000-usd-for-sale\/capture-decran-le-2024-09-03-a-14-57-31\/\" border=\"0\" itemprop=\"url\"> <meta itemprop=\"width\" content=\"346\"> <meta itemprop=\"height\" content=\"187\"> <img decoding=\"async\" class=\"\" data-attachment-id=\"175927\" data-orig-file=\"https:\/\/itayachtscanada.com\/wp-content\/uploads\/2024\/09\/Capture-decran-le-2024-09-03-a-14.57.31.jpg\" data-orig-size=\"2220,1202\" data-comments-opened=\"1\" data-image-meta=\"{&quot;aperture&quot;:&quot;0&quot;,&quot;credit&quot;:&quot;&quot;,&quot;camera&quot;:&quot;&quot;,&quot;caption&quot;:&quot;&quot;,&quot;created_timestamp&quot;:&quot;0&quot;,&quot;copyright&quot;:&quot;&quot;,&quot;focal_length&quot;:&quot;0&quot;,&quot;iso&quot;:&quot;0&quot;,&quot;shutter_speed&quot;:&quot;0&quot;,&quot;title&quot;:&quot;&quot;,&quot;orientation&quot;:&quot;0&quot;}\" data-image-title=\"Capture d\u2019e\u0301cran, le 2024-09-03 a\u0300 14.57.31\" data-image-description=\"\" data-medium-file=\"https:\/\/i0.wp.com\/itayachtscanada.com\/wp-content\/uploads\/2024\/09\/Capture-decran-le-2024-09-03-a-14.57.31.jpg?fit=300%2C162&#038;ssl=1\" data-large-file=\"https:\/\/i0.wp.com\/itayachtscanada.com\/wp-content\/uploads\/2024\/09\/Capture-decran-le-2024-09-03-a-14.57.31.jpg?fit=700%2C379&#038;ssl=1\" src=\"https:\/\/i0.wp.com\/itayachtscanada.com\/wp-content\/uploads\/2024\/09\/Capture-decran-le-2024-09-03-a-14.57.31.jpg?w=346&#038;h=187&#038;ssl=1\" srcset=\"https:\/\/i0.wp.com\/itayachtscanada.com\/wp-content\/uploads\/2024\/09\/Capture-decran-le-2024-09-03-a-14.57.31.jpg?w=2220&amp;ssl=1 2220w, https:\/\/i0.wp.com\/itayachtscanada.com\/wp-content\/uploads\/2024\/09\/Capture-decran-le-2024-09-03-a-14.57.31.jpg?resize=300%2C162&amp;ssl=1 300w, https:\/\/i0.wp.com\/itayachtscanada.com\/wp-content\/uploads\/2024\/09\/Capture-decran-le-2024-09-03-a-14.57.31.jpg?resize=1024%2C554&amp;ssl=1 1024w, https:\/\/i0.wp.com\/itayachtscanada.com\/wp-content\/uploads\/2024\/09\/Capture-decran-le-2024-09-03-a-14.57.31.jpg?resize=768%2C416&amp;ssl=1 768w, https:\/\/i0.wp.com\/itayachtscanada.com\/wp-content\/uploads\/2024\/09\/Capture-decran-le-2024-09-03-a-14.57.31.jpg?resize=1536%2C832&amp;ssl=1 1536w, https:\/\/i0.wp.com\/itayachtscanada.com\/wp-content\/uploads\/2024\/09\/Capture-decran-le-2024-09-03-a-14.57.31.jpg?resize=2048%2C1109&amp;ssl=1 2048w, https:\/\/i0.wp.com\/itayachtscanada.com\/wp-content\/uploads\/2024\/09\/Capture-decran-le-2024-09-03-a-14.57.31.jpg?resize=700%2C379&amp;ssl=1 700w, https:\/\/i0.wp.com\/itayachtscanada.com\/wp-content\/uploads\/2024\/09\/Capture-decran-le-2024-09-03-a-14.57.31.jpg?resize=2000%2C1083&amp;ssl=1 2000w, https:\/\/i0.wp.com\/itayachtscanada.com\/wp-content\/uploads\/2024\/09\/Capture-decran-le-2024-09-03-a-14.57.31.jpg?resize=739%2C400&amp;ssl=1 739w, https:\/\/i0.wp.com\/itayachtscanada.com\/wp-content\/uploads\/2024\/09\/Capture-decran-le-2024-09-03-a-14.57.31.jpg?w=1400&amp;ssl=1 1400w, https:\/\/i0.wp.com\/itayachtscanada.com\/wp-content\/uploads\/2024\/09\/Capture-decran-le-2024-09-03-a-14.57.31.jpg?w=2100&amp;ssl=1 2100w\" width=\"346\" height=\"187\" loading=\"lazy\" data-original-width=\"346\" data-original-height=\"187\" itemprop=\"http:\/\/schema.org\/image\" title=\"Capture d\u2019e\u0301cran, le 2024-09-03 a\u0300 14.57.31\" alt=\"Capture d\u2019e\u0301cran, le 2024-09-03 a\u0300 14.57.31\" style=\"width: 346px; height: 187px;\" \/> <\/a> <\/div> <\/div> <!-- close group --> <div class=\"gallery-group images-1\" style=\"width: 350px; height: 191px;\" data-original-width=\"350\" data-original-height=\"191\" > <div class=\"tiled-gallery-item tiled-gallery-item-large\" itemprop=\"associatedMedia\" itemscope itemtype=\"http:\/\/schema.org\/ImageObject\"> <a href=\"https:\/\/itayachtscanada.com\/fr\/listing\/ferretti-custom-line-106-2023-10995000-usd-for-sale\/capture-decran-le-2024-09-03-a-14-57-43\/\" border=\"0\" itemprop=\"url\"> <meta itemprop=\"width\" content=\"346\"> <meta itemprop=\"height\" content=\"187\"> <img decoding=\"async\" class=\"\" data-attachment-id=\"175926\" data-orig-file=\"https:\/\/itayachtscanada.com\/wp-content\/uploads\/2024\/09\/Capture-decran-le-2024-09-03-a-14.57.43.jpg\" data-orig-size=\"2220,1202\" data-comments-opened=\"1\" data-image-meta=\"{&quot;aperture&quot;:&quot;0&quot;,&quot;credit&quot;:&quot;&quot;,&quot;camera&quot;:&quot;&quot;,&quot;caption&quot;:&quot;&quot;,&quot;created_timestamp&quot;:&quot;0&quot;,&quot;copyright&quot;:&quot;&quot;,&quot;focal_length&quot;:&quot;0&quot;,&quot;iso&quot;:&quot;0&quot;,&quot;shutter_speed&quot;:&quot;0&quot;,&quot;title&quot;:&quot;&quot;,&quot;orientation&quot;:&quot;0&quot;}\" data-image-title=\"Capture d\u2019e\u0301cran, le 2024-09-03 a\u0300 14.57.43\" data-image-description=\"\" data-medium-file=\"https:\/\/i0.wp.com\/itayachtscanada.com\/wp-content\/uploads\/2024\/09\/Capture-decran-le-2024-09-03-a-14.57.43.jpg?fit=300%2C162&#038;ssl=1\" data-large-file=\"https:\/\/i0.wp.com\/itayachtscanada.com\/wp-content\/uploads\/2024\/09\/Capture-decran-le-2024-09-03-a-14.57.43.jpg?fit=700%2C379&#038;ssl=1\" src=\"https:\/\/i0.wp.com\/itayachtscanada.com\/wp-content\/uploads\/2024\/09\/Capture-decran-le-2024-09-03-a-14.57.43.jpg?w=346&#038;h=187&#038;ssl=1\" srcset=\"https:\/\/i0.wp.com\/itayachtscanada.com\/wp-content\/uploads\/2024\/09\/Capture-decran-le-2024-09-03-a-14.57.43.jpg?w=2220&amp;ssl=1 2220w, https:\/\/i0.wp.com\/itayachtscanada.com\/wp-content\/uploads\/2024\/09\/Capture-decran-le-2024-09-03-a-14.57.43.jpg?resize=300%2C162&amp;ssl=1 300w, https:\/\/i0.wp.com\/itayachtscanada.com\/wp-content\/uploads\/2024\/09\/Capture-decran-le-2024-09-03-a-14.57.43.jpg?resize=1024%2C554&amp;ssl=1 1024w, https:\/\/i0.wp.com\/itayachtscanada.com\/wp-content\/uploads\/2024\/09\/Capture-decran-le-2024-09-03-a-14.57.43.jpg?resize=768%2C416&amp;ssl=1 768w, https:\/\/i0.wp.com\/itayachtscanada.com\/wp-content\/uploads\/2024\/09\/Capture-decran-le-2024-09-03-a-14.57.43.jpg?resize=1536%2C832&amp;ssl=1 1536w, https:\/\/i0.wp.com\/itayachtscanada.com\/wp-content\/uploads\/2024\/09\/Capture-decran-le-2024-09-03-a-14.57.43.jpg?resize=2048%2C1109&amp;ssl=1 2048w, https:\/\/i0.wp.com\/itayachtscanada.com\/wp-content\/uploads\/2024\/09\/Capture-decran-le-2024-09-03-a-14.57.43.jpg?resize=700%2C379&amp;ssl=1 700w, https:\/\/i0.wp.com\/itayachtscanada.com\/wp-content\/uploads\/2024\/09\/Capture-decran-le-2024-09-03-a-14.57.43.jpg?resize=2000%2C1083&amp;ssl=1 2000w, https:\/\/i0.wp.com\/itayachtscanada.com\/wp-content\/uploads\/2024\/09\/Capture-decran-le-2024-09-03-a-14.57.43.jpg?resize=739%2C400&amp;ssl=1 739w, https:\/\/i0.wp.com\/itayachtscanada.com\/wp-content\/uploads\/2024\/09\/Capture-decran-le-2024-09-03-a-14.57.43.jpg?w=1400&amp;ssl=1 1400w, https:\/\/i0.wp.com\/itayachtscanada.com\/wp-content\/uploads\/2024\/09\/Capture-decran-le-2024-09-03-a-14.57.43.jpg?w=2100&amp;ssl=1 2100w\" width=\"346\" height=\"187\" loading=\"lazy\" data-original-width=\"346\" data-original-height=\"187\" itemprop=\"http:\/\/schema.org\/image\" title=\"Capture d\u2019e\u0301cran, le 2024-09-03 a\u0300 14.57.43\" alt=\"Capture d\u2019e\u0301cran, le 2024-09-03 a\u0300 14.57.43\" style=\"width: 346px; height: 187px;\" \/> <\/a> <\/div> <\/div> <!-- close group --> <\/div> <!-- close row --> <div class=\"gallery-row\" style=\"width: 700px; height: 307px;\" data-original-width=\"700\" data-original-height=\"307\" > <div class=\"gallery-group images-2\" style=\"width: 246px; height: 307px;\" data-original-width=\"246\" data-original-height=\"307\" > <div class=\"tiled-gallery-item tiled-gallery-item-small\" itemprop=\"associatedMedia\" itemscope itemtype=\"http:\/\/schema.org\/ImageObject\"> <a href=\"https:\/\/itayachtscanada.com\/fr\/listing\/ferretti-custom-line-106-2023-10995000-usd-for-sale\/capture-decran-le-2024-09-03-a-14-56-55\/\" border=\"0\" itemprop=\"url\"> <meta itemprop=\"width\" content=\"242\"> <meta itemprop=\"height\" content=\"136\"> <img decoding=\"async\" class=\"\" data-attachment-id=\"175928\" data-orig-file=\"https:\/\/itayachtscanada.com\/wp-content\/uploads\/2024\/09\/Capture-decran-le-2024-09-03-a-14.56.55.jpg\" data-orig-size=\"1270,712\" data-comments-opened=\"1\" data-image-meta=\"{&quot;aperture&quot;:&quot;0&quot;,&quot;credit&quot;:&quot;&quot;,&quot;camera&quot;:&quot;&quot;,&quot;caption&quot;:&quot;&quot;,&quot;created_timestamp&quot;:&quot;0&quot;,&quot;copyright&quot;:&quot;&quot;,&quot;focal_length&quot;:&quot;0&quot;,&quot;iso&quot;:&quot;0&quot;,&quot;shutter_speed&quot;:&quot;0&quot;,&quot;title&quot;:&quot;&quot;,&quot;orientation&quot;:&quot;0&quot;}\" data-image-title=\"Capture d\u2019e\u0301cran, le 2024-09-03 a\u0300 14.56.55\" data-image-description=\"\" data-medium-file=\"https:\/\/i0.wp.com\/itayachtscanada.com\/wp-content\/uploads\/2024\/09\/Capture-decran-le-2024-09-03-a-14.56.55.jpg?fit=300%2C168&#038;ssl=1\" data-large-file=\"https:\/\/i0.wp.com\/itayachtscanada.com\/wp-content\/uploads\/2024\/09\/Capture-decran-le-2024-09-03-a-14.56.55.jpg?fit=700%2C392&#038;ssl=1\" src=\"https:\/\/i0.wp.com\/itayachtscanada.com\/wp-content\/uploads\/2024\/09\/Capture-decran-le-2024-09-03-a-14.56.55.jpg?w=242&#038;h=136&#038;ssl=1\" srcset=\"https:\/\/i0.wp.com\/itayachtscanada.com\/wp-content\/uploads\/2024\/09\/Capture-decran-le-2024-09-03-a-14.56.55.jpg?w=1270&amp;ssl=1 1270w, https:\/\/i0.wp.com\/itayachtscanada.com\/wp-content\/uploads\/2024\/09\/Capture-decran-le-2024-09-03-a-14.56.55.jpg?resize=300%2C168&amp;ssl=1 300w, https:\/\/i0.wp.com\/itayachtscanada.com\/wp-content\/uploads\/2024\/09\/Capture-decran-le-2024-09-03-a-14.56.55.jpg?resize=1024%2C574&amp;ssl=1 1024w, https:\/\/i0.wp.com\/itayachtscanada.com\/wp-content\/uploads\/2024\/09\/Capture-decran-le-2024-09-03-a-14.56.55.jpg?resize=768%2C431&amp;ssl=1 768w, https:\/\/i0.wp.com\/itayachtscanada.com\/wp-content\/uploads\/2024\/09\/Capture-decran-le-2024-09-03-a-14.56.55.jpg?resize=700%2C392&amp;ssl=1 700w, https:\/\/i0.wp.com\/itayachtscanada.com\/wp-content\/uploads\/2024\/09\/Capture-decran-le-2024-09-03-a-14.56.55.jpg?resize=713%2C400&amp;ssl=1 713w\" width=\"242\" height=\"136\" loading=\"lazy\" data-original-width=\"242\" data-original-height=\"136\" itemprop=\"http:\/\/schema.org\/image\" title=\"Capture d\u2019e\u0301cran, le 2024-09-03 a\u0300 14.56.55\" alt=\"Capture d\u2019e\u0301cran, le 2024-09-03 a\u0300 14.56.55\" style=\"width: 242px; height: 136px;\" \/> <\/a> <\/div> <div class=\"tiled-gallery-item tiled-gallery-item-small\" itemprop=\"associatedMedia\" itemscope itemtype=\"http:\/\/schema.org\/ImageObject\"> <a href=\"https:\/\/itayachtscanada.com\/fr\/listing\/ferretti-custom-line-106-2023-10995000-usd-for-sale\/capture-decran-le-2024-09-03-a-14-28-19\/\" border=\"0\" itemprop=\"url\"> <meta itemprop=\"width\" content=\"242\"> <meta itemprop=\"height\" content=\"163\"> <img decoding=\"async\" class=\"\" data-attachment-id=\"175846\" data-orig-file=\"https:\/\/itayachtscanada.com\/wp-content\/uploads\/2024\/09\/Capture-decran-le-2024-09-03-a-14.28.19.jpg\" data-orig-size=\"1496,1006\" data-comments-opened=\"1\" data-image-meta=\"{&quot;aperture&quot;:&quot;0&quot;,&quot;credit&quot;:&quot;&quot;,&quot;camera&quot;:&quot;&quot;,&quot;caption&quot;:&quot;&quot;,&quot;created_timestamp&quot;:&quot;0&quot;,&quot;copyright&quot;:&quot;&quot;,&quot;focal_length&quot;:&quot;0&quot;,&quot;iso&quot;:&quot;0&quot;,&quot;shutter_speed&quot;:&quot;0&quot;,&quot;title&quot;:&quot;&quot;,&quot;orientation&quot;:&quot;0&quot;}\" data-image-title=\"Capture d\u2019e\u0301cran, le 2024-09-03 a\u0300 14.28.19\" data-image-description=\"\" data-medium-file=\"https:\/\/i0.wp.com\/itayachtscanada.com\/wp-content\/uploads\/2024\/09\/Capture-decran-le-2024-09-03-a-14.28.19.jpg?fit=300%2C202&#038;ssl=1\" data-large-file=\"https:\/\/i0.wp.com\/itayachtscanada.com\/wp-content\/uploads\/2024\/09\/Capture-decran-le-2024-09-03-a-14.28.19.jpg?fit=700%2C471&#038;ssl=1\" src=\"https:\/\/i0.wp.com\/itayachtscanada.com\/wp-content\/uploads\/2024\/09\/Capture-decran-le-2024-09-03-a-14.28.19.jpg?w=242&#038;h=163&#038;ssl=1\" srcset=\"https:\/\/i0.wp.com\/itayachtscanada.com\/wp-content\/uploads\/2024\/09\/Capture-decran-le-2024-09-03-a-14.28.19.jpg?w=1496&amp;ssl=1 1496w, https:\/\/i0.wp.com\/itayachtscanada.com\/wp-content\/uploads\/2024\/09\/Capture-decran-le-2024-09-03-a-14.28.19.jpg?resize=300%2C202&amp;ssl=1 300w, https:\/\/i0.wp.com\/itayachtscanada.com\/wp-content\/uploads\/2024\/09\/Capture-decran-le-2024-09-03-a-14.28.19.jpg?resize=1024%2C689&amp;ssl=1 1024w, https:\/\/i0.wp.com\/itayachtscanada.com\/wp-content\/uploads\/2024\/09\/Capture-decran-le-2024-09-03-a-14.28.19.jpg?resize=768%2C516&amp;ssl=1 768w, https:\/\/i0.wp.com\/itayachtscanada.com\/wp-content\/uploads\/2024\/09\/Capture-decran-le-2024-09-03-a-14.28.19.jpg?resize=700%2C471&amp;ssl=1 700w, https:\/\/i0.wp.com\/itayachtscanada.com\/wp-content\/uploads\/2024\/09\/Capture-decran-le-2024-09-03-a-14.28.19.jpg?resize=595%2C400&amp;ssl=1 595w, https:\/\/i0.wp.com\/itayachtscanada.com\/wp-content\/uploads\/2024\/09\/Capture-decran-le-2024-09-03-a-14.28.19.jpg?w=1400&amp;ssl=1 1400w\" width=\"242\" height=\"163\" loading=\"lazy\" data-original-width=\"242\" data-original-height=\"163\" itemprop=\"http:\/\/schema.org\/image\" title=\"Capture d\u2019e\u0301cran, le 2024-09-03 a\u0300 14.28.19\" alt=\"Capture d\u2019e\u0301cran, le 2024-09-03 a\u0300 14.28.19\" style=\"width: 242px; height: 163px;\" \/> <\/a> <\/div> <\/div> <!-- close group --> <div class=\"gallery-group images-1\" style=\"width: 454px; height: 307px;\" data-original-width=\"454\" data-original-height=\"307\" > <div class=\"tiled-gallery-item tiled-gallery-item-large\" itemprop=\"associatedMedia\" itemscope itemtype=\"http:\/\/schema.org\/ImageObject\"> <a href=\"https:\/\/itayachtscanada.com\/fr\/listing\/ferretti-custom-line-106-2023-10995000-usd-for-sale\/capture-decran-le-2024-09-03-a-14-28-14\/\" border=\"0\" itemprop=\"url\"> <meta itemprop=\"width\" content=\"450\"> <meta itemprop=\"height\" content=\"303\"> <img decoding=\"async\" class=\"\" data-attachment-id=\"175847\" data-orig-file=\"https:\/\/itayachtscanada.com\/wp-content\/uploads\/2024\/09\/Capture-decran-le-2024-09-03-a-14.28.14.jpg\" data-orig-size=\"1496,1006\" data-comments-opened=\"1\" data-image-meta=\"{&quot;aperture&quot;:&quot;0&quot;,&quot;credit&quot;:&quot;&quot;,&quot;camera&quot;:&quot;&quot;,&quot;caption&quot;:&quot;&quot;,&quot;created_timestamp&quot;:&quot;0&quot;,&quot;copyright&quot;:&quot;&quot;,&quot;focal_length&quot;:&quot;0&quot;,&quot;iso&quot;:&quot;0&quot;,&quot;shutter_speed&quot;:&quot;0&quot;,&quot;title&quot;:&quot;&quot;,&quot;orientation&quot;:&quot;0&quot;}\" data-image-title=\"Capture d\u2019e\u0301cran, le 2024-09-03 a\u0300 14.28.14\" data-image-description=\"\" data-medium-file=\"https:\/\/i0.wp.com\/itayachtscanada.com\/wp-content\/uploads\/2024\/09\/Capture-decran-le-2024-09-03-a-14.28.14.jpg?fit=300%2C202&#038;ssl=1\" data-large-file=\"https:\/\/i0.wp.com\/itayachtscanada.com\/wp-content\/uploads\/2024\/09\/Capture-decran-le-2024-09-03-a-14.28.14.jpg?fit=700%2C471&#038;ssl=1\" src=\"https:\/\/i0.wp.com\/itayachtscanada.com\/wp-content\/uploads\/2024\/09\/Capture-decran-le-2024-09-03-a-14.28.14.jpg?w=450&#038;h=303&#038;ssl=1\" srcset=\"https:\/\/i0.wp.com\/itayachtscanada.com\/wp-content\/uploads\/2024\/09\/Capture-decran-le-2024-09-03-a-14.28.14.jpg?w=1496&amp;ssl=1 1496w, https:\/\/i0.wp.com\/itayachtscanada.com\/wp-content\/uploads\/2024\/09\/Capture-decran-le-2024-09-03-a-14.28.14.jpg?resize=300%2C202&amp;ssl=1 300w, https:\/\/i0.wp.com\/itayachtscanada.com\/wp-content\/uploads\/2024\/09\/Capture-decran-le-2024-09-03-a-14.28.14.jpg?resize=1024%2C689&amp;ssl=1 1024w, https:\/\/i0.wp.com\/itayachtscanada.com\/wp-content\/uploads\/2024\/09\/Capture-decran-le-2024-09-03-a-14.28.14.jpg?resize=768%2C516&amp;ssl=1 768w, https:\/\/i0.wp.com\/itayachtscanada.com\/wp-content\/uploads\/2024\/09\/Capture-decran-le-2024-09-03-a-14.28.14.jpg?resize=700%2C471&amp;ssl=1 700w, https:\/\/i0.wp.com\/itayachtscanada.com\/wp-content\/uploads\/2024\/09\/Capture-decran-le-2024-09-03-a-14.28.14.jpg?resize=595%2C400&amp;ssl=1 595w, https:\/\/i0.wp.com\/itayachtscanada.com\/wp-content\/uploads\/2024\/09\/Capture-decran-le-2024-09-03-a-14.28.14.jpg?w=1400&amp;ssl=1 1400w\" width=\"450\" height=\"303\" loading=\"lazy\" data-original-width=\"450\" data-original-height=\"303\" itemprop=\"http:\/\/schema.org\/image\" title=\"Capture d\u2019e\u0301cran, le 2024-09-03 a\u0300 14.28.14\" alt=\"Capture d\u2019e\u0301cran, le 2024-09-03 a\u0300 14.28.14\" style=\"width: 450px; height: 303px;\" \/> <\/a> <\/div> <\/div> <!-- close group --> <\/div> <!-- close row --> <div class=\"gallery-row\" style=\"width: 700px; height: 158px;\" data-original-width=\"700\" data-original-height=\"158\" > <div class=\"gallery-group images-1\" style=\"width: 234px; height: 158px;\" data-original-width=\"234\" data-original-height=\"158\" > <div class=\"tiled-gallery-item tiled-gallery-item-small\" itemprop=\"associatedMedia\" itemscope itemtype=\"http:\/\/schema.org\/ImageObject\"> <a href=\"https:\/\/itayachtscanada.com\/fr\/listing\/ferretti-custom-line-106-2023-10995000-usd-for-sale\/capture-decran-le-2024-09-03-a-14-28-11\/\" border=\"0\" itemprop=\"url\"> <meta itemprop=\"width\" content=\"230\"> <meta itemprop=\"height\" content=\"154\"> <img decoding=\"async\" class=\"\" data-attachment-id=\"175848\" data-orig-file=\"https:\/\/itayachtscanada.com\/wp-content\/uploads\/2024\/09\/Capture-decran-le-2024-09-03-a-14.28.11.jpg\" data-orig-size=\"1496,1006\" data-comments-opened=\"1\" data-image-meta=\"{&quot;aperture&quot;:&quot;0&quot;,&quot;credit&quot;:&quot;&quot;,&quot;camera&quot;:&quot;&quot;,&quot;caption&quot;:&quot;&quot;,&quot;created_timestamp&quot;:&quot;0&quot;,&quot;copyright&quot;:&quot;&quot;,&quot;focal_length&quot;:&quot;0&quot;,&quot;iso&quot;:&quot;0&quot;,&quot;shutter_speed&quot;:&quot;0&quot;,&quot;title&quot;:&quot;&quot;,&quot;orientation&quot;:&quot;0&quot;}\" data-image-title=\"Capture d\u2019e\u0301cran, le 2024-09-03 a\u0300 14.28.11\" data-image-description=\"\" data-medium-file=\"https:\/\/i0.wp.com\/itayachtscanada.com\/wp-content\/uploads\/2024\/09\/Capture-decran-le-2024-09-03-a-14.28.11.jpg?fit=300%2C202&#038;ssl=1\" data-large-file=\"https:\/\/i0.wp.com\/itayachtscanada.com\/wp-content\/uploads\/2024\/09\/Capture-decran-le-2024-09-03-a-14.28.11.jpg?fit=700%2C471&#038;ssl=1\" src=\"https:\/\/i0.wp.com\/itayachtscanada.com\/wp-content\/uploads\/2024\/09\/Capture-decran-le-2024-09-03-a-14.28.11.jpg?w=230&#038;h=154&#038;ssl=1\" srcset=\"https:\/\/i0.wp.com\/itayachtscanada.com\/wp-content\/uploads\/2024\/09\/Capture-decran-le-2024-09-03-a-14.28.11.jpg?w=1496&amp;ssl=1 1496w, https:\/\/i0.wp.com\/itayachtscanada.com\/wp-content\/uploads\/2024\/09\/Capture-decran-le-2024-09-03-a-14.28.11.jpg?resize=300%2C202&amp;ssl=1 300w, https:\/\/i0.wp.com\/itayachtscanada.com\/wp-content\/uploads\/2024\/09\/Capture-decran-le-2024-09-03-a-14.28.11.jpg?resize=1024%2C689&amp;ssl=1 1024w, https:\/\/i0.wp.com\/itayachtscanada.com\/wp-content\/uploads\/2024\/09\/Capture-decran-le-2024-09-03-a-14.28.11.jpg?resize=768%2C516&amp;ssl=1 768w, https:\/\/i0.wp.com\/itayachtscanada.com\/wp-content\/uploads\/2024\/09\/Capture-decran-le-2024-09-03-a-14.28.11.jpg?resize=700%2C471&amp;ssl=1 700w, https:\/\/i0.wp.com\/itayachtscanada.com\/wp-content\/uploads\/2024\/09\/Capture-decran-le-2024-09-03-a-14.28.11.jpg?resize=900%2C600&amp;ssl=1 900w, https:\/\/i0.wp.com\/itayachtscanada.com\/wp-content\/uploads\/2024\/09\/Capture-decran-le-2024-09-03-a-14.28.11.jpg?resize=595%2C400&amp;ssl=1 595w, https:\/\/i0.wp.com\/itayachtscanada.com\/wp-content\/uploads\/2024\/09\/Capture-decran-le-2024-09-03-a-14.28.11.jpg?w=1400&amp;ssl=1 1400w\" width=\"230\" height=\"154\" loading=\"lazy\" data-original-width=\"230\" data-original-height=\"154\" itemprop=\"http:\/\/schema.org\/image\" title=\"Capture d\u2019e\u0301cran, le 2024-09-03 a\u0300 14.28.11\" alt=\"Capture d\u2019e\u0301cran, le 2024-09-03 a\u0300 14.28.11\" style=\"width: 230px; height: 154px;\" \/> <\/a> <\/div> <\/div> <!-- close group --> <div class=\"gallery-group images-1\" style=\"width: 233px; height: 158px;\" data-original-width=\"233\" data-original-height=\"158\" > <div class=\"tiled-gallery-item tiled-gallery-item-small\" itemprop=\"associatedMedia\" itemscope itemtype=\"http:\/\/schema.org\/ImageObject\"> <a href=\"https:\/\/itayachtscanada.com\/fr\/listing\/ferretti-custom-line-106-2023-10995000-usd-for-sale\/capture-decran-le-2024-09-03-a-14-28-08\/\" border=\"0\" itemprop=\"url\"> <meta itemprop=\"width\" content=\"229\"> <meta itemprop=\"height\" content=\"154\"> <img decoding=\"async\" class=\"\" data-attachment-id=\"175849\" data-orig-file=\"https:\/\/itayachtscanada.com\/wp-content\/uploads\/2024\/09\/Capture-decran-le-2024-09-03-a-14.28.08.jpg\" data-orig-size=\"1496,1006\" data-comments-opened=\"1\" data-image-meta=\"{&quot;aperture&quot;:&quot;0&quot;,&quot;credit&quot;:&quot;&quot;,&quot;camera&quot;:&quot;&quot;,&quot;caption&quot;:&quot;&quot;,&quot;created_timestamp&quot;:&quot;0&quot;,&quot;copyright&quot;:&quot;&quot;,&quot;focal_length&quot;:&quot;0&quot;,&quot;iso&quot;:&quot;0&quot;,&quot;shutter_speed&quot;:&quot;0&quot;,&quot;title&quot;:&quot;&quot;,&quot;orientation&quot;:&quot;0&quot;}\" data-image-title=\"Capture d\u2019e\u0301cran, le 2024-09-03 a\u0300 14.28.08\" data-image-description=\"\" data-medium-file=\"https:\/\/i0.wp.com\/itayachtscanada.com\/wp-content\/uploads\/2024\/09\/Capture-decran-le-2024-09-03-a-14.28.08.jpg?fit=300%2C202&#038;ssl=1\" data-large-file=\"https:\/\/i0.wp.com\/itayachtscanada.com\/wp-content\/uploads\/2024\/09\/Capture-decran-le-2024-09-03-a-14.28.08.jpg?fit=700%2C471&#038;ssl=1\" src=\"https:\/\/i0.wp.com\/itayachtscanada.com\/wp-content\/uploads\/2024\/09\/Capture-decran-le-2024-09-03-a-14.28.08.jpg?w=229&#038;h=154&#038;ssl=1\" srcset=\"https:\/\/i0.wp.com\/itayachtscanada.com\/wp-content\/uploads\/2024\/09\/Capture-decran-le-2024-09-03-a-14.28.08.jpg?w=1496&amp;ssl=1 1496w, https:\/\/i0.wp.com\/itayachtscanada.com\/wp-content\/uploads\/2024\/09\/Capture-decran-le-2024-09-03-a-14.28.08.jpg?resize=300%2C202&amp;ssl=1 300w, https:\/\/i0.wp.com\/itayachtscanada.com\/wp-content\/uploads\/2024\/09\/Capture-decran-le-2024-09-03-a-14.28.08.jpg?resize=1024%2C689&amp;ssl=1 1024w, https:\/\/i0.wp.com\/itayachtscanada.com\/wp-content\/uploads\/2024\/09\/Capture-decran-le-2024-09-03-a-14.28.08.jpg?resize=768%2C516&amp;ssl=1 768w, https:\/\/i0.wp.com\/itayachtscanada.com\/wp-content\/uploads\/2024\/09\/Capture-decran-le-2024-09-03-a-14.28.08.jpg?resize=700%2C471&amp;ssl=1 700w, https:\/\/i0.wp.com\/itayachtscanada.com\/wp-content\/uploads\/2024\/09\/Capture-decran-le-2024-09-03-a-14.28.08.jpg?resize=900%2C600&amp;ssl=1 900w, https:\/\/i0.wp.com\/itayachtscanada.com\/wp-content\/uploads\/2024\/09\/Capture-decran-le-2024-09-03-a-14.28.08.jpg?resize=595%2C400&amp;ssl=1 595w, https:\/\/i0.wp.com\/itayachtscanada.com\/wp-content\/uploads\/2024\/09\/Capture-decran-le-2024-09-03-a-14.28.08.jpg?w=1400&amp;ssl=1 1400w\" width=\"229\" height=\"154\" loading=\"lazy\" data-original-width=\"229\" data-original-height=\"154\" itemprop=\"http:\/\/schema.org\/image\" title=\"Capture d\u2019e\u0301cran, le 2024-09-03 a\u0300 14.28.08\" alt=\"Capture d\u2019e\u0301cran, le 2024-09-03 a\u0300 14.28.08\" style=\"width: 229px; height: 154px;\" \/> <\/a> <\/div> <\/div> <!-- close group --> <div class=\"gallery-group images-1\" style=\"width: 233px; height: 158px;\" data-original-width=\"233\" data-original-height=\"158\" > <div class=\"tiled-gallery-item tiled-gallery-item-small\" itemprop=\"associatedMedia\" itemscope itemtype=\"http:\/\/schema.org\/ImageObject\"> <a href=\"https:\/\/itayachtscanada.com\/fr\/listing\/ferretti-custom-line-106-2023-10995000-usd-for-sale\/capture-decran-le-2024-09-03-a-14-28-04\/\" border=\"0\" itemprop=\"url\"> <meta itemprop=\"width\" content=\"229\"> <meta itemprop=\"height\" content=\"154\"> <img decoding=\"async\" class=\"\" data-attachment-id=\"175850\" data-orig-file=\"https:\/\/itayachtscanada.com\/wp-content\/uploads\/2024\/09\/Capture-decran-le-2024-09-03-a-14.28.04.jpg\" data-orig-size=\"1496,1006\" data-comments-opened=\"1\" data-image-meta=\"{&quot;aperture&quot;:&quot;0&quot;,&quot;credit&quot;:&quot;&quot;,&quot;camera&quot;:&quot;&quot;,&quot;caption&quot;:&quot;&quot;,&quot;created_timestamp&quot;:&quot;0&quot;,&quot;copyright&quot;:&quot;&quot;,&quot;focal_length&quot;:&quot;0&quot;,&quot;iso&quot;:&quot;0&quot;,&quot;shutter_speed&quot;:&quot;0&quot;,&quot;title&quot;:&quot;&quot;,&quot;orientation&quot;:&quot;0&quot;}\" data-image-title=\"Capture d\u2019e\u0301cran, le 2024-09-03 a\u0300 14.28.04\" data-image-description=\"\" data-medium-file=\"https:\/\/i0.wp.com\/itayachtscanada.com\/wp-content\/uploads\/2024\/09\/Capture-decran-le-2024-09-03-a-14.28.04.jpg?fit=300%2C202&#038;ssl=1\" data-large-file=\"https:\/\/i0.wp.com\/itayachtscanada.com\/wp-content\/uploads\/2024\/09\/Capture-decran-le-2024-09-03-a-14.28.04.jpg?fit=700%2C471&#038;ssl=1\" src=\"https:\/\/i0.wp.com\/itayachtscanada.com\/wp-content\/uploads\/2024\/09\/Capture-decran-le-2024-09-03-a-14.28.04.jpg?w=229&#038;h=154&#038;ssl=1\" srcset=\"https:\/\/i0.wp.com\/itayachtscanada.com\/wp-content\/uploads\/2024\/09\/Capture-decran-le-2024-09-03-a-14.28.04.jpg?w=1496&amp;ssl=1 1496w, https:\/\/i0.wp.com\/itayachtscanada.com\/wp-content\/uploads\/2024\/09\/Capture-decran-le-2024-09-03-a-14.28.04.jpg?resize=300%2C202&amp;ssl=1 300w, https:\/\/i0.wp.com\/itayachtscanada.com\/wp-content\/uploads\/2024\/09\/Capture-decran-le-2024-09-03-a-14.28.04.jpg?resize=1024%2C689&amp;ssl=1 1024w, https:\/\/i0.wp.com\/itayachtscanada.com\/wp-content\/uploads\/2024\/09\/Capture-decran-le-2024-09-03-a-14.28.04.jpg?resize=768%2C516&amp;ssl=1 768w, https:\/\/i0.wp.com\/itayachtscanada.com\/wp-content\/uploads\/2024\/09\/Capture-decran-le-2024-09-03-a-14.28.04.jpg?resize=700%2C471&amp;ssl=1 700w, https:\/\/i0.wp.com\/itayachtscanada.com\/wp-content\/uploads\/2024\/09\/Capture-decran-le-2024-09-03-a-14.28.04.jpg?resize=900%2C600&amp;ssl=1 900w, https:\/\/i0.wp.com\/itayachtscanada.com\/wp-content\/uploads\/2024\/09\/Capture-decran-le-2024-09-03-a-14.28.04.jpg?resize=595%2C400&amp;ssl=1 595w, https:\/\/i0.wp.com\/itayachtscanada.com\/wp-content\/uploads\/2024\/09\/Capture-decran-le-2024-09-03-a-14.28.04.jpg?w=1400&amp;ssl=1 1400w\" width=\"229\" height=\"154\" loading=\"lazy\" data-original-width=\"229\" data-original-height=\"154\" itemprop=\"http:\/\/schema.org\/image\" title=\"Capture d\u2019e\u0301cran, le 2024-09-03 a\u0300 14.28.04\" alt=\"Capture d\u2019e\u0301cran, le 2024-09-03 a\u0300 14.28.04\" style=\"width: 229px; height: 154px;\" \/> <\/a> <\/div> <\/div> <!-- close group --> <\/div> <!-- close row --> <div class=\"gallery-row\" style=\"width: 700px; height: 316px;\" data-original-width=\"700\" data-original-height=\"316\" > <div class=\"gallery-group images-1\" style=\"width: 467px; height: 316px;\" data-original-width=\"467\" data-original-height=\"316\" > <div class=\"tiled-gallery-item tiled-gallery-item-large\" itemprop=\"associatedMedia\" itemscope itemtype=\"http:\/\/schema.org\/ImageObject\"> <a href=\"https:\/\/itayachtscanada.com\/fr\/listing\/ferretti-custom-line-106-2023-10995000-usd-for-sale\/capture-decran-le-2024-09-03-a-14-28-00\/\" border=\"0\" itemprop=\"url\"> <meta itemprop=\"width\" content=\"463\"> <meta itemprop=\"height\" content=\"312\"> <img decoding=\"async\" class=\"\" data-attachment-id=\"175851\" data-orig-file=\"https:\/\/itayachtscanada.com\/wp-content\/uploads\/2024\/09\/Capture-decran-le-2024-09-03-a-14.28.00.jpg\" data-orig-size=\"1496,1006\" data-comments-opened=\"1\" data-image-meta=\"{&quot;aperture&quot;:&quot;0&quot;,&quot;credit&quot;:&quot;&quot;,&quot;camera&quot;:&quot;&quot;,&quot;caption&quot;:&quot;&quot;,&quot;created_timestamp&quot;:&quot;0&quot;,&quot;copyright&quot;:&quot;&quot;,&quot;focal_length&quot;:&quot;0&quot;,&quot;iso&quot;:&quot;0&quot;,&quot;shutter_speed&quot;:&quot;0&quot;,&quot;title&quot;:&quot;&quot;,&quot;orientation&quot;:&quot;0&quot;}\" data-image-title=\"Capture d\u2019e\u0301cran, le 2024-09-03 a\u0300 14.28.00\" data-image-description=\"\" data-medium-file=\"https:\/\/i0.wp.com\/itayachtscanada.com\/wp-content\/uploads\/2024\/09\/Capture-decran-le-2024-09-03-a-14.28.00.jpg?fit=300%2C202&#038;ssl=1\" data-large-file=\"https:\/\/i0.wp.com\/itayachtscanada.com\/wp-content\/uploads\/2024\/09\/Capture-decran-le-2024-09-03-a-14.28.00.jpg?fit=700%2C471&#038;ssl=1\" src=\"https:\/\/i0.wp.com\/itayachtscanada.com\/wp-content\/uploads\/2024\/09\/Capture-decran-le-2024-09-03-a-14.28.00.jpg?w=463&#038;h=312&#038;ssl=1\" srcset=\"https:\/\/i0.wp.com\/itayachtscanada.com\/wp-content\/uploads\/2024\/09\/Capture-decran-le-2024-09-03-a-14.28.00.jpg?w=1496&amp;ssl=1 1496w, https:\/\/i0.wp.com\/itayachtscanada.com\/wp-content\/uploads\/2024\/09\/Capture-decran-le-2024-09-03-a-14.28.00.jpg?resize=300%2C202&amp;ssl=1 300w, https:\/\/i0.wp.com\/itayachtscanada.com\/wp-content\/uploads\/2024\/09\/Capture-decran-le-2024-09-03-a-14.28.00.jpg?resize=1024%2C689&amp;ssl=1 1024w, https:\/\/i0.wp.com\/itayachtscanada.com\/wp-content\/uploads\/2024\/09\/Capture-decran-le-2024-09-03-a-14.28.00.jpg?resize=768%2C516&amp;ssl=1 768w, https:\/\/i0.wp.com\/itayachtscanada.com\/wp-content\/uploads\/2024\/09\/Capture-decran-le-2024-09-03-a-14.28.00.jpg?resize=700%2C471&amp;ssl=1 700w, https:\/\/i0.wp.com\/itayachtscanada.com\/wp-content\/uploads\/2024\/09\/Capture-decran-le-2024-09-03-a-14.28.00.jpg?resize=595%2C400&amp;ssl=1 595w, https:\/\/i0.wp.com\/itayachtscanada.com\/wp-content\/uploads\/2024\/09\/Capture-decran-le-2024-09-03-a-14.28.00.jpg?w=1400&amp;ssl=1 1400w\" width=\"463\" height=\"312\" loading=\"lazy\" data-original-width=\"463\" data-original-height=\"312\" itemprop=\"http:\/\/schema.org\/image\" title=\"Capture d\u2019e\u0301cran, le 2024-09-03 a\u0300 14.28.00\" alt=\"Capture d\u2019e\u0301cran, le 2024-09-03 a\u0300 14.28.00\" style=\"width: 463px; height: 312px;\" \/> <\/a> <\/div> <\/div> <!-- close group --> <div class=\"gallery-group images-2\" style=\"width: 233px; height: 316px;\" data-original-width=\"233\" data-original-height=\"316\" > <div class=\"tiled-gallery-item tiled-gallery-item-small\" itemprop=\"associatedMedia\" itemscope itemtype=\"http:\/\/schema.org\/ImageObject\"> <a href=\"https:\/\/itayachtscanada.com\/fr\/listing\/ferretti-custom-line-106-2023-10995000-usd-for-sale\/capture-decran-le-2024-09-03-a-14-27-56\/\" border=\"0\" itemprop=\"url\"> <meta itemprop=\"width\" content=\"229\"> <meta itemprop=\"height\" content=\"154\"> <img decoding=\"async\" class=\"\" data-attachment-id=\"175852\" data-orig-file=\"https:\/\/itayachtscanada.com\/wp-content\/uploads\/2024\/09\/Capture-decran-le-2024-09-03-a-14.27.56.jpg\" data-orig-size=\"1496,1006\" data-comments-opened=\"1\" data-image-meta=\"{&quot;aperture&quot;:&quot;0&quot;,&quot;credit&quot;:&quot;&quot;,&quot;camera&quot;:&quot;&quot;,&quot;caption&quot;:&quot;&quot;,&quot;created_timestamp&quot;:&quot;0&quot;,&quot;copyright&quot;:&quot;&quot;,&quot;focal_length&quot;:&quot;0&quot;,&quot;iso&quot;:&quot;0&quot;,&quot;shutter_speed&quot;:&quot;0&quot;,&quot;title&quot;:&quot;&quot;,&quot;orientation&quot;:&quot;0&quot;}\" data-image-title=\"Capture d\u2019e\u0301cran, le 2024-09-03 a\u0300 14.27.56\" data-image-description=\"\" data-medium-file=\"https:\/\/i0.wp.com\/itayachtscanada.com\/wp-content\/uploads\/2024\/09\/Capture-decran-le-2024-09-03-a-14.27.56.jpg?fit=300%2C202&#038;ssl=1\" data-large-file=\"https:\/\/i0.wp.com\/itayachtscanada.com\/wp-content\/uploads\/2024\/09\/Capture-decran-le-2024-09-03-a-14.27.56.jpg?fit=700%2C471&#038;ssl=1\" src=\"https:\/\/i0.wp.com\/itayachtscanada.com\/wp-content\/uploads\/2024\/09\/Capture-decran-le-2024-09-03-a-14.27.56.jpg?w=229&#038;h=154&#038;ssl=1\" srcset=\"https:\/\/i0.wp.com\/itayachtscanada.com\/wp-content\/uploads\/2024\/09\/Capture-decran-le-2024-09-03-a-14.27.56.jpg?w=1496&amp;ssl=1 1496w, https:\/\/i0.wp.com\/itayachtscanada.com\/wp-content\/uploads\/2024\/09\/Capture-decran-le-2024-09-03-a-14.27.56.jpg?resize=300%2C202&amp;ssl=1 300w, https:\/\/i0.wp.com\/itayachtscanada.com\/wp-content\/uploads\/2024\/09\/Capture-decran-le-2024-09-03-a-14.27.56.jpg?resize=1024%2C689&amp;ssl=1 1024w, https:\/\/i0.wp.com\/itayachtscanada.com\/wp-content\/uploads\/2024\/09\/Capture-decran-le-2024-09-03-a-14.27.56.jpg?resize=768%2C516&amp;ssl=1 768w, https:\/\/i0.wp.com\/itayachtscanada.com\/wp-content\/uploads\/2024\/09\/Capture-decran-le-2024-09-03-a-14.27.56.jpg?resize=700%2C471&amp;ssl=1 700w, https:\/\/i0.wp.com\/itayachtscanada.com\/wp-content\/uploads\/2024\/09\/Capture-decran-le-2024-09-03-a-14.27.56.jpg?resize=900%2C600&amp;ssl=1 900w, https:\/\/i0.wp.com\/itayachtscanada.com\/wp-content\/uploads\/2024\/09\/Capture-decran-le-2024-09-03-a-14.27.56.jpg?resize=595%2C400&amp;ssl=1 595w, https:\/\/i0.wp.com\/itayachtscanada.com\/wp-content\/uploads\/2024\/09\/Capture-decran-le-2024-09-03-a-14.27.56.jpg?w=1400&amp;ssl=1 1400w\" width=\"229\" height=\"154\" loading=\"lazy\" data-original-width=\"229\" data-original-height=\"154\" itemprop=\"http:\/\/schema.org\/image\" title=\"Capture d\u2019e\u0301cran, le 2024-09-03 a\u0300 14.27.56\" alt=\"Capture d\u2019e\u0301cran, le 2024-09-03 a\u0300 14.27.56\" style=\"width: 229px; height: 154px;\" \/> <\/a> <\/div> <div class=\"tiled-gallery-item tiled-gallery-item-small\" itemprop=\"associatedMedia\" itemscope itemtype=\"http:\/\/schema.org\/ImageObject\"> <a href=\"https:\/\/itayachtscanada.com\/fr\/listing\/ferretti-custom-line-106-2023-10995000-usd-for-sale\/capture-decran-le-2024-09-03-a-14-27-49\/\" border=\"0\" itemprop=\"url\"> <meta itemprop=\"width\" content=\"229\"> <meta itemprop=\"height\" content=\"154\"> <img decoding=\"async\" class=\"\" data-attachment-id=\"175853\" data-orig-file=\"https:\/\/itayachtscanada.com\/wp-content\/uploads\/2024\/09\/Capture-decran-le-2024-09-03-a-14.27.49.jpg\" data-orig-size=\"1496,1006\" data-comments-opened=\"1\" data-image-meta=\"{&quot;aperture&quot;:&quot;0&quot;,&quot;credit&quot;:&quot;&quot;,&quot;camera&quot;:&quot;&quot;,&quot;caption&quot;:&quot;&quot;,&quot;created_timestamp&quot;:&quot;0&quot;,&quot;copyright&quot;:&quot;&quot;,&quot;focal_length&quot;:&quot;0&quot;,&quot;iso&quot;:&quot;0&quot;,&quot;shutter_speed&quot;:&quot;0&quot;,&quot;title&quot;:&quot;&quot;,&quot;orientation&quot;:&quot;0&quot;}\" data-image-title=\"Capture d\u2019e\u0301cran, le 2024-09-03 a\u0300 14.27.49\" data-image-description=\"\" data-medium-file=\"https:\/\/i0.wp.com\/itayachtscanada.com\/wp-content\/uploads\/2024\/09\/Capture-decran-le-2024-09-03-a-14.27.49.jpg?fit=300%2C202&#038;ssl=1\" data-large-file=\"https:\/\/i0.wp.com\/itayachtscanada.com\/wp-content\/uploads\/2024\/09\/Capture-decran-le-2024-09-03-a-14.27.49.jpg?fit=700%2C471&#038;ssl=1\" src=\"https:\/\/i0.wp.com\/itayachtscanada.com\/wp-content\/uploads\/2024\/09\/Capture-decran-le-2024-09-03-a-14.27.49.jpg?w=229&#038;h=154&#038;ssl=1\" srcset=\"https:\/\/i0.wp.com\/itayachtscanada.com\/wp-content\/uploads\/2024\/09\/Capture-decran-le-2024-09-03-a-14.27.49.jpg?w=1496&amp;ssl=1 1496w, https:\/\/i0.wp.com\/itayachtscanada.com\/wp-content\/uploads\/2024\/09\/Capture-decran-le-2024-09-03-a-14.27.49.jpg?resize=300%2C202&amp;ssl=1 300w, https:\/\/i0.wp.com\/itayachtscanada.com\/wp-content\/uploads\/2024\/09\/Capture-decran-le-2024-09-03-a-14.27.49.jpg?resize=1024%2C689&amp;ssl=1 1024w, https:\/\/i0.wp.com\/itayachtscanada.com\/wp-content\/uploads\/2024\/09\/Capture-decran-le-2024-09-03-a-14.27.49.jpg?resize=768%2C516&amp;ssl=1 768w, https:\/\/i0.wp.com\/itayachtscanada.com\/wp-content\/uploads\/2024\/09\/Capture-decran-le-2024-09-03-a-14.27.49.jpg?resize=700%2C471&amp;ssl=1 700w, https:\/\/i0.wp.com\/itayachtscanada.com\/wp-content\/uploads\/2024\/09\/Capture-decran-le-2024-09-03-a-14.27.49.jpg?resize=900%2C600&amp;ssl=1 900w, https:\/\/i0.wp.com\/itayachtscanada.com\/wp-content\/uploads\/2024\/09\/Capture-decran-le-2024-09-03-a-14.27.49.jpg?resize=595%2C400&amp;ssl=1 595w, https:\/\/i0.wp.com\/itayachtscanada.com\/wp-content\/uploads\/2024\/09\/Capture-decran-le-2024-09-03-a-14.27.49.jpg?w=1400&amp;ssl=1 1400w\" width=\"229\" height=\"154\" loading=\"lazy\" data-original-width=\"229\" data-original-height=\"154\" itemprop=\"http:\/\/schema.org\/image\" title=\"Capture d\u2019e\u0301cran, le 2024-09-03 a\u0300 14.27.49\" alt=\"Capture d\u2019e\u0301cran, le 2024-09-03 a\u0300 14.27.49\" style=\"width: 229px; height: 154px;\" \/> <\/a> <\/div> <\/div> <!-- close group --> <\/div> <!-- close row --> <div class=\"gallery-row\" style=\"width: 700px; height: 237px;\" data-original-width=\"700\" data-original-height=\"237\" > <div class=\"gallery-group images-1\" style=\"width: 350px; height: 237px;\" data-original-width=\"350\" data-original-height=\"237\" > <div class=\"tiled-gallery-item tiled-gallery-item-large\" itemprop=\"associatedMedia\" itemscope itemtype=\"http:\/\/schema.org\/ImageObject\"> <a href=\"https:\/\/itayachtscanada.com\/fr\/listing\/ferretti-custom-line-106-2023-10995000-usd-for-sale\/capture-decran-le-2024-09-03-a-14-27-45\/\" border=\"0\" itemprop=\"url\"> <meta itemprop=\"width\" content=\"346\"> <meta itemprop=\"height\" content=\"233\"> <img decoding=\"async\" class=\"\" data-attachment-id=\"175854\" data-orig-file=\"https:\/\/itayachtscanada.com\/wp-content\/uploads\/2024\/09\/Capture-decran-le-2024-09-03-a-14.27.45.jpg\" data-orig-size=\"1496,1006\" data-comments-opened=\"1\" data-image-meta=\"{&quot;aperture&quot;:&quot;0&quot;,&quot;credit&quot;:&quot;&quot;,&quot;camera&quot;:&quot;&quot;,&quot;caption&quot;:&quot;&quot;,&quot;created_timestamp&quot;:&quot;0&quot;,&quot;copyright&quot;:&quot;&quot;,&quot;focal_length&quot;:&quot;0&quot;,&quot;iso&quot;:&quot;0&quot;,&quot;shutter_speed&quot;:&quot;0&quot;,&quot;title&quot;:&quot;&quot;,&quot;orientation&quot;:&quot;0&quot;}\" data-image-title=\"Capture d\u2019e\u0301cran, le 2024-09-03 a\u0300 14.27.45\" data-image-description=\"\" data-medium-file=\"https:\/\/i0.wp.com\/itayachtscanada.com\/wp-content\/uploads\/2024\/09\/Capture-decran-le-2024-09-03-a-14.27.45.jpg?fit=300%2C202&#038;ssl=1\" data-large-file=\"https:\/\/i0.wp.com\/itayachtscanada.com\/wp-content\/uploads\/2024\/09\/Capture-decran-le-2024-09-03-a-14.27.45.jpg?fit=700%2C471&#038;ssl=1\" src=\"https:\/\/i0.wp.com\/itayachtscanada.com\/wp-content\/uploads\/2024\/09\/Capture-decran-le-2024-09-03-a-14.27.45.jpg?w=346&#038;h=233&#038;ssl=1\" srcset=\"https:\/\/i0.wp.com\/itayachtscanada.com\/wp-content\/uploads\/2024\/09\/Capture-decran-le-2024-09-03-a-14.27.45.jpg?w=1496&amp;ssl=1 1496w, https:\/\/i0.wp.com\/itayachtscanada.com\/wp-content\/uploads\/2024\/09\/Capture-decran-le-2024-09-03-a-14.27.45.jpg?resize=300%2C202&amp;ssl=1 300w, https:\/\/i0.wp.com\/itayachtscanada.com\/wp-content\/uploads\/2024\/09\/Capture-decran-le-2024-09-03-a-14.27.45.jpg?resize=1024%2C689&amp;ssl=1 1024w, https:\/\/i0.wp.com\/itayachtscanada.com\/wp-content\/uploads\/2024\/09\/Capture-decran-le-2024-09-03-a-14.27.45.jpg?resize=768%2C516&amp;ssl=1 768w, https:\/\/i0.wp.com\/itayachtscanada.com\/wp-content\/uploads\/2024\/09\/Capture-decran-le-2024-09-03-a-14.27.45.jpg?resize=700%2C471&amp;ssl=1 700w, https:\/\/i0.wp.com\/itayachtscanada.com\/wp-content\/uploads\/2024\/09\/Capture-decran-le-2024-09-03-a-14.27.45.jpg?resize=595%2C400&amp;ssl=1 595w, https:\/\/i0.wp.com\/itayachtscanada.com\/wp-content\/uploads\/2024\/09\/Capture-decran-le-2024-09-03-a-14.27.45.jpg?w=1400&amp;ssl=1 1400w\" width=\"346\" height=\"233\" loading=\"lazy\" data-original-width=\"346\" data-original-height=\"233\" itemprop=\"http:\/\/schema.org\/image\" title=\"Capture d\u2019e\u0301cran, le 2024-09-03 a\u0300 14.27.45\" alt=\"Capture d\u2019e\u0301cran, le 2024-09-03 a\u0300 14.27.45\" style=\"width: 346px; height: 233px;\" \/> <\/a> <\/div> <\/div> <!-- close group --> <div class=\"gallery-group images-1\" style=\"width: 350px; height: 237px;\" data-original-width=\"350\" data-original-height=\"237\" > <div class=\"tiled-gallery-item tiled-gallery-item-large\" itemprop=\"associatedMedia\" itemscope itemtype=\"http:\/\/schema.org\/ImageObject\"> <a href=\"https:\/\/itayachtscanada.com\/fr\/listing\/ferretti-custom-line-106-2023-10995000-usd-for-sale\/capture-decran-le-2024-09-03-a-14-27-42\/\" border=\"0\" itemprop=\"url\"> <meta itemprop=\"width\" content=\"346\"> <meta itemprop=\"height\" content=\"233\"> <img decoding=\"async\" class=\"\" data-attachment-id=\"175855\" data-orig-file=\"https:\/\/itayachtscanada.com\/wp-content\/uploads\/2024\/09\/Capture-decran-le-2024-09-03-a-14.27.42.jpg\" data-orig-size=\"1496,1006\" data-comments-opened=\"1\" data-image-meta=\"{&quot;aperture&quot;:&quot;0&quot;,&quot;credit&quot;:&quot;&quot;,&quot;camera&quot;:&quot;&quot;,&quot;caption&quot;:&quot;&quot;,&quot;created_timestamp&quot;:&quot;0&quot;,&quot;copyright&quot;:&quot;&quot;,&quot;focal_length&quot;:&quot;0&quot;,&quot;iso&quot;:&quot;0&quot;,&quot;shutter_speed&quot;:&quot;0&quot;,&quot;title&quot;:&quot;&quot;,&quot;orientation&quot;:&quot;0&quot;}\" data-image-title=\"Capture d\u2019e\u0301cran, le 2024-09-03 a\u0300 14.27.42\" data-image-description=\"\" data-medium-file=\"https:\/\/i0.wp.com\/itayachtscanada.com\/wp-content\/uploads\/2024\/09\/Capture-decran-le-2024-09-03-a-14.27.42.jpg?fit=300%2C202&#038;ssl=1\" data-large-file=\"https:\/\/i0.wp.com\/itayachtscanada.com\/wp-content\/uploads\/2024\/09\/Capture-decran-le-2024-09-03-a-14.27.42.jpg?fit=700%2C471&#038;ssl=1\" src=\"https:\/\/i0.wp.com\/itayachtscanada.com\/wp-content\/uploads\/2024\/09\/Capture-decran-le-2024-09-03-a-14.27.42.jpg?w=346&#038;h=233&#038;ssl=1\" srcset=\"https:\/\/i0.wp.com\/itayachtscanada.com\/wp-content\/uploads\/2024\/09\/Capture-decran-le-2024-09-03-a-14.27.42.jpg?w=1496&amp;ssl=1 1496w, https:\/\/i0.wp.com\/itayachtscanada.com\/wp-content\/uploads\/2024\/09\/Capture-decran-le-2024-09-03-a-14.27.42.jpg?resize=300%2C202&amp;ssl=1 300w, https:\/\/i0.wp.com\/itayachtscanada.com\/wp-content\/uploads\/2024\/09\/Capture-decran-le-2024-09-03-a-14.27.42.jpg?resize=1024%2C689&amp;ssl=1 1024w, https:\/\/i0.wp.com\/itayachtscanada.com\/wp-content\/uploads\/2024\/09\/Capture-decran-le-2024-09-03-a-14.27.42.jpg?resize=768%2C516&amp;ssl=1 768w, https:\/\/i0.wp.com\/itayachtscanada.com\/wp-content\/uploads\/2024\/09\/Capture-decran-le-2024-09-03-a-14.27.42.jpg?resize=700%2C471&amp;ssl=1 700w, https:\/\/i0.wp.com\/itayachtscanada.com\/wp-content\/uploads\/2024\/09\/Capture-decran-le-2024-09-03-a-14.27.42.jpg?resize=595%2C400&amp;ssl=1 595w, https:\/\/i0.wp.com\/itayachtscanada.com\/wp-content\/uploads\/2024\/09\/Capture-decran-le-2024-09-03-a-14.27.42.jpg?w=1400&amp;ssl=1 1400w\" width=\"346\" height=\"233\" loading=\"lazy\" data-original-width=\"346\" data-original-height=\"233\" itemprop=\"http:\/\/schema.org\/image\" title=\"Capture d\u2019e\u0301cran, le 2024-09-03 a\u0300 14.27.42\" alt=\"Capture d\u2019e\u0301cran, le 2024-09-03 a\u0300 14.27.42\" style=\"width: 346px; height: 233px;\" \/> <\/a> <\/div> <\/div> <!-- close group --> <\/div> <!-- close row --> <div class=\"gallery-row\" style=\"width: 700px; height: 499px;\" data-original-width=\"700\" data-original-height=\"499\" > <div class=\"gallery-group images-2\" style=\"width: 369px; height: 499px;\" data-original-width=\"369\" data-original-height=\"499\" > <div class=\"tiled-gallery-item tiled-gallery-item-large\" itemprop=\"associatedMedia\" itemscope itemtype=\"http:\/\/schema.org\/ImageObject\"> <a href=\"https:\/\/itayachtscanada.com\/fr\/listing\/ferretti-custom-line-106-2023-10995000-usd-for-sale\/capture-decran-le-2024-09-03-a-14-27-38\/\" border=\"0\" itemprop=\"url\"> <meta itemprop=\"width\" content=\"365\"> <meta itemprop=\"height\" content=\"246\"> <img decoding=\"async\" class=\"\" data-attachment-id=\"175856\" data-orig-file=\"https:\/\/itayachtscanada.com\/wp-content\/uploads\/2024\/09\/Capture-decran-le-2024-09-03-a-14.27.38.jpg\" data-orig-size=\"1496,1006\" data-comments-opened=\"1\" data-image-meta=\"{&quot;aperture&quot;:&quot;0&quot;,&quot;credit&quot;:&quot;&quot;,&quot;camera&quot;:&quot;&quot;,&quot;caption&quot;:&quot;&quot;,&quot;created_timestamp&quot;:&quot;0&quot;,&quot;copyright&quot;:&quot;&quot;,&quot;focal_length&quot;:&quot;0&quot;,&quot;iso&quot;:&quot;0&quot;,&quot;shutter_speed&quot;:&quot;0&quot;,&quot;title&quot;:&quot;&quot;,&quot;orientation&quot;:&quot;0&quot;}\" data-image-title=\"Capture d\u2019e\u0301cran, le 2024-09-03 a\u0300 14.27.38\" data-image-description=\"\" data-medium-file=\"https:\/\/i0.wp.com\/itayachtscanada.com\/wp-content\/uploads\/2024\/09\/Capture-decran-le-2024-09-03-a-14.27.38.jpg?fit=300%2C202&#038;ssl=1\" data-large-file=\"https:\/\/i0.wp.com\/itayachtscanada.com\/wp-content\/uploads\/2024\/09\/Capture-decran-le-2024-09-03-a-14.27.38.jpg?fit=700%2C471&#038;ssl=1\" src=\"https:\/\/i0.wp.com\/itayachtscanada.com\/wp-content\/uploads\/2024\/09\/Capture-decran-le-2024-09-03-a-14.27.38.jpg?w=365&#038;h=246&#038;ssl=1\" srcset=\"https:\/\/i0.wp.com\/itayachtscanada.com\/wp-content\/uploads\/2024\/09\/Capture-decran-le-2024-09-03-a-14.27.38.jpg?w=1496&amp;ssl=1 1496w, https:\/\/i0.wp.com\/itayachtscanada.com\/wp-content\/uploads\/2024\/09\/Capture-decran-le-2024-09-03-a-14.27.38.jpg?resize=300%2C202&amp;ssl=1 300w, https:\/\/i0.wp.com\/itayachtscanada.com\/wp-content\/uploads\/2024\/09\/Capture-decran-le-2024-09-03-a-14.27.38.jpg?resize=1024%2C689&amp;ssl=1 1024w, https:\/\/i0.wp.com\/itayachtscanada.com\/wp-content\/uploads\/2024\/09\/Capture-decran-le-2024-09-03-a-14.27.38.jpg?resize=768%2C516&amp;ssl=1 768w, https:\/\/i0.wp.com\/itayachtscanada.com\/wp-content\/uploads\/2024\/09\/Capture-decran-le-2024-09-03-a-14.27.38.jpg?resize=700%2C471&amp;ssl=1 700w, https:\/\/i0.wp.com\/itayachtscanada.com\/wp-content\/uploads\/2024\/09\/Capture-decran-le-2024-09-03-a-14.27.38.jpg?resize=595%2C400&amp;ssl=1 595w, https:\/\/i0.wp.com\/itayachtscanada.com\/wp-content\/uploads\/2024\/09\/Capture-decran-le-2024-09-03-a-14.27.38.jpg?w=1400&amp;ssl=1 1400w\" width=\"365\" height=\"246\" loading=\"lazy\" data-original-width=\"365\" data-original-height=\"246\" itemprop=\"http:\/\/schema.org\/image\" title=\"Capture d\u2019e\u0301cran, le 2024-09-03 a\u0300 14.27.38\" alt=\"Capture d\u2019e\u0301cran, le 2024-09-03 a\u0300 14.27.38\" style=\"width: 365px; height: 246px;\" \/> <\/a> <\/div> <div class=\"tiled-gallery-item tiled-gallery-item-large\" itemprop=\"associatedMedia\" itemscope itemtype=\"http:\/\/schema.org\/ImageObject\"> <a href=\"https:\/\/itayachtscanada.com\/fr\/listing\/ferretti-custom-line-106-2023-10995000-usd-for-sale\/capture-decran-le-2024-09-03-a-14-27-30\/\" border=\"0\" itemprop=\"url\"> <meta itemprop=\"width\" content=\"365\"> <meta itemprop=\"height\" content=\"245\"> <img decoding=\"async\" class=\"\" data-attachment-id=\"175857\" data-orig-file=\"https:\/\/itayachtscanada.com\/wp-content\/uploads\/2024\/09\/Capture-decran-le-2024-09-03-a-14.27.30.jpg\" data-orig-size=\"1496,1006\" data-comments-opened=\"1\" data-image-meta=\"{&quot;aperture&quot;:&quot;0&quot;,&quot;credit&quot;:&quot;&quot;,&quot;camera&quot;:&quot;&quot;,&quot;caption&quot;:&quot;&quot;,&quot;created_timestamp&quot;:&quot;0&quot;,&quot;copyright&quot;:&quot;&quot;,&quot;focal_length&quot;:&quot;0&quot;,&quot;iso&quot;:&quot;0&quot;,&quot;shutter_speed&quot;:&quot;0&quot;,&quot;title&quot;:&quot;&quot;,&quot;orientation&quot;:&quot;0&quot;}\" data-image-title=\"Capture d\u2019e\u0301cran, le 2024-09-03 a\u0300 14.27.30\" data-image-description=\"\" data-medium-file=\"https:\/\/i0.wp.com\/itayachtscanada.com\/wp-content\/uploads\/2024\/09\/Capture-decran-le-2024-09-03-a-14.27.30.jpg?fit=300%2C202&#038;ssl=1\" data-large-file=\"https:\/\/i0.wp.com\/itayachtscanada.com\/wp-content\/uploads\/2024\/09\/Capture-decran-le-2024-09-03-a-14.27.30.jpg?fit=700%2C471&#038;ssl=1\" src=\"https:\/\/i0.wp.com\/itayachtscanada.com\/wp-content\/uploads\/2024\/09\/Capture-decran-le-2024-09-03-a-14.27.30.jpg?w=365&#038;h=245&#038;ssl=1\" srcset=\"https:\/\/i0.wp.com\/itayachtscanada.com\/wp-content\/uploads\/2024\/09\/Capture-decran-le-2024-09-03-a-14.27.30.jpg?w=1496&amp;ssl=1 1496w, https:\/\/i0.wp.com\/itayachtscanada.com\/wp-content\/uploads\/2024\/09\/Capture-decran-le-2024-09-03-a-14.27.30.jpg?resize=300%2C202&amp;ssl=1 300w, https:\/\/i0.wp.com\/itayachtscanada.com\/wp-content\/uploads\/2024\/09\/Capture-decran-le-2024-09-03-a-14.27.30.jpg?resize=1024%2C689&amp;ssl=1 1024w, https:\/\/i0.wp.com\/itayachtscanada.com\/wp-content\/uploads\/2024\/09\/Capture-decran-le-2024-09-03-a-14.27.30.jpg?resize=768%2C516&amp;ssl=1 768w, https:\/\/i0.wp.com\/itayachtscanada.com\/wp-content\/uploads\/2024\/09\/Capture-decran-le-2024-09-03-a-14.27.30.jpg?resize=700%2C471&amp;ssl=1 700w, https:\/\/i0.wp.com\/itayachtscanada.com\/wp-content\/uploads\/2024\/09\/Capture-decran-le-2024-09-03-a-14.27.30.jpg?resize=595%2C400&amp;ssl=1 595w, https:\/\/i0.wp.com\/itayachtscanada.com\/wp-content\/uploads\/2024\/09\/Capture-decran-le-2024-09-03-a-14.27.30.jpg?w=1400&amp;ssl=1 1400w\" width=\"365\" height=\"245\" loading=\"lazy\" data-original-width=\"365\" data-original-height=\"245\" itemprop=\"http:\/\/schema.org\/image\" title=\"Capture d\u2019e\u0301cran, le 2024-09-03 a\u0300 14.27.30\" alt=\"Capture d\u2019e\u0301cran, le 2024-09-03 a\u0300 14.27.30\" style=\"width: 365px; height: 245px;\" \/> <\/a> <\/div> <\/div> <!-- close group --> <div class=\"gallery-group images-1\" style=\"width: 331px; height: 499px;\" data-original-width=\"331\" data-original-height=\"499\" > <div class=\"tiled-gallery-item tiled-gallery-item-large\" itemprop=\"associatedMedia\" itemscope itemtype=\"http:\/\/schema.org\/ImageObject\"> <a href=\"https:\/\/itayachtscanada.com\/fr\/listing\/ferretti-custom-line-106-2023-10995000-usd-for-sale\/capture-decran-le-2024-09-03-a-14-27-26\/\" border=\"0\" itemprop=\"url\"> <meta itemprop=\"width\" content=\"327\"> <meta itemprop=\"height\" content=\"495\"> <img decoding=\"async\" class=\"\" data-attachment-id=\"175858\" data-orig-file=\"https:\/\/itayachtscanada.com\/wp-content\/uploads\/2024\/09\/Capture-decran-le-2024-09-03-a-14.27.26.jpg\" data-orig-size=\"664,1006\" data-comments-opened=\"1\" data-image-meta=\"{&quot;aperture&quot;:&quot;0&quot;,&quot;credit&quot;:&quot;&quot;,&quot;camera&quot;:&quot;&quot;,&quot;caption&quot;:&quot;&quot;,&quot;created_timestamp&quot;:&quot;0&quot;,&quot;copyright&quot;:&quot;&quot;,&quot;focal_length&quot;:&quot;0&quot;,&quot;iso&quot;:&quot;0&quot;,&quot;shutter_speed&quot;:&quot;0&quot;,&quot;title&quot;:&quot;&quot;,&quot;orientation&quot;:&quot;0&quot;}\" data-image-title=\"Capture d\u2019e\u0301cran, le 2024-09-03 a\u0300 14.27.26\" data-image-description=\"\" data-medium-file=\"https:\/\/i0.wp.com\/itayachtscanada.com\/wp-content\/uploads\/2024\/09\/Capture-decran-le-2024-09-03-a-14.27.26.jpg?fit=198%2C300&#038;ssl=1\" data-large-file=\"https:\/\/i0.wp.com\/itayachtscanada.com\/wp-content\/uploads\/2024\/09\/Capture-decran-le-2024-09-03-a-14.27.26.jpg?fit=664%2C1006&#038;ssl=1\" src=\"https:\/\/i0.wp.com\/itayachtscanada.com\/wp-content\/uploads\/2024\/09\/Capture-decran-le-2024-09-03-a-14.27.26.jpg?w=327&#038;h=495&#038;ssl=1\" srcset=\"https:\/\/i0.wp.com\/itayachtscanada.com\/wp-content\/uploads\/2024\/09\/Capture-decran-le-2024-09-03-a-14.27.26.jpg?w=664&amp;ssl=1 664w, https:\/\/i0.wp.com\/itayachtscanada.com\/wp-content\/uploads\/2024\/09\/Capture-decran-le-2024-09-03-a-14.27.26.jpg?resize=198%2C300&amp;ssl=1 198w, https:\/\/i0.wp.com\/itayachtscanada.com\/wp-content\/uploads\/2024\/09\/Capture-decran-le-2024-09-03-a-14.27.26.jpg?resize=264%2C400&amp;ssl=1 264w\" width=\"327\" height=\"495\" loading=\"lazy\" data-original-width=\"327\" data-original-height=\"495\" itemprop=\"http:\/\/schema.org\/image\" title=\"Capture d\u2019e\u0301cran, le 2024-09-03 a\u0300 14.27.26\" alt=\"Capture d\u2019e\u0301cran, le 2024-09-03 a\u0300 14.27.26\" style=\"width: 327px; height: 495px;\" \/> <\/a> <\/div> <\/div> <!-- close group --> <\/div> <!-- close row --> <div class=\"gallery-row\" style=\"width: 700px; height: 339px;\" data-original-width=\"700\" data-original-height=\"339\" > <div class=\"gallery-group images-1\" style=\"width: 225px; height: 339px;\" data-original-width=\"225\" data-original-height=\"339\" > <div class=\"tiled-gallery-item tiled-gallery-item-small\" itemprop=\"associatedMedia\" itemscope itemtype=\"http:\/\/schema.org\/ImageObject\"> <a href=\"https:\/\/itayachtscanada.com\/fr\/listing\/ferretti-custom-line-106-2023-10995000-usd-for-sale\/capture-decran-le-2024-09-03-a-14-27-18\/\" border=\"0\" itemprop=\"url\"> <meta itemprop=\"width\" content=\"221\"> <meta itemprop=\"height\" content=\"335\"> <img decoding=\"async\" class=\"\" data-attachment-id=\"175859\" data-orig-file=\"https:\/\/itayachtscanada.com\/wp-content\/uploads\/2024\/09\/Capture-decran-le-2024-09-03-a-14.27.18.jpg\" data-orig-size=\"664,1006\" data-comments-opened=\"1\" data-image-meta=\"{&quot;aperture&quot;:&quot;0&quot;,&quot;credit&quot;:&quot;&quot;,&quot;camera&quot;:&quot;&quot;,&quot;caption&quot;:&quot;&quot;,&quot;created_timestamp&quot;:&quot;0&quot;,&quot;copyright&quot;:&quot;&quot;,&quot;focal_length&quot;:&quot;0&quot;,&quot;iso&quot;:&quot;0&quot;,&quot;shutter_speed&quot;:&quot;0&quot;,&quot;title&quot;:&quot;&quot;,&quot;orientation&quot;:&quot;0&quot;}\" data-image-title=\"Capture d\u2019e\u0301cran, le 2024-09-03 a\u0300 14.27.18\" data-image-description=\"\" data-medium-file=\"https:\/\/i0.wp.com\/itayachtscanada.com\/wp-content\/uploads\/2024\/09\/Capture-decran-le-2024-09-03-a-14.27.18.jpg?fit=198%2C300&#038;ssl=1\" data-large-file=\"https:\/\/i0.wp.com\/itayachtscanada.com\/wp-content\/uploads\/2024\/09\/Capture-decran-le-2024-09-03-a-14.27.18.jpg?fit=664%2C1006&#038;ssl=1\" src=\"https:\/\/i0.wp.com\/itayachtscanada.com\/wp-content\/uploads\/2024\/09\/Capture-decran-le-2024-09-03-a-14.27.18.jpg?w=221&#038;h=335&#038;ssl=1\" srcset=\"https:\/\/i0.wp.com\/itayachtscanada.com\/wp-content\/uploads\/2024\/09\/Capture-decran-le-2024-09-03-a-14.27.18.jpg?w=664&amp;ssl=1 664w, https:\/\/i0.wp.com\/itayachtscanada.com\/wp-content\/uploads\/2024\/09\/Capture-decran-le-2024-09-03-a-14.27.18.jpg?resize=198%2C300&amp;ssl=1 198w, https:\/\/i0.wp.com\/itayachtscanada.com\/wp-content\/uploads\/2024\/09\/Capture-decran-le-2024-09-03-a-14.27.18.jpg?resize=264%2C400&amp;ssl=1 264w\" width=\"221\" height=\"335\" loading=\"lazy\" data-original-width=\"221\" data-original-height=\"335\" itemprop=\"http:\/\/schema.org\/image\" title=\"Capture d\u2019e\u0301cran, le 2024-09-03 a\u0300 14.27.18\" alt=\"Capture d\u2019e\u0301cran, le 2024-09-03 a\u0300 14.27.18\" style=\"width: 221px; height: 335px;\" \/> <\/a> <\/div> <\/div> <!-- close group --> <div class=\"gallery-group images-2\" style=\"width: 250px; height: 339px;\" data-original-width=\"250\" data-original-height=\"339\" > <div class=\"tiled-gallery-item tiled-gallery-item-small\" itemprop=\"associatedMedia\" itemscope itemtype=\"http:\/\/schema.org\/ImageObject\"> <a href=\"https:\/\/itayachtscanada.com\/fr\/listing\/ferretti-custom-line-106-2023-10995000-usd-for-sale\/capture-decran-le-2024-09-03-a-14-27-14\/\" border=\"0\" itemprop=\"url\"> <meta itemprop=\"width\" content=\"246\"> <meta itemprop=\"height\" content=\"166\"> <img decoding=\"async\" class=\"\" data-attachment-id=\"175860\" data-orig-file=\"https:\/\/itayachtscanada.com\/wp-content\/uploads\/2024\/09\/Capture-decran-le-2024-09-03-a-14.27.14.jpg\" data-orig-size=\"1496,1006\" data-comments-opened=\"1\" data-image-meta=\"{&quot;aperture&quot;:&quot;0&quot;,&quot;credit&quot;:&quot;&quot;,&quot;camera&quot;:&quot;&quot;,&quot;caption&quot;:&quot;&quot;,&quot;created_timestamp&quot;:&quot;0&quot;,&quot;copyright&quot;:&quot;&quot;,&quot;focal_length&quot;:&quot;0&quot;,&quot;iso&quot;:&quot;0&quot;,&quot;shutter_speed&quot;:&quot;0&quot;,&quot;title&quot;:&quot;&quot;,&quot;orientation&quot;:&quot;0&quot;}\" data-image-title=\"Capture d\u2019e\u0301cran, le 2024-09-03 a\u0300 14.27.14\" data-image-description=\"\" data-medium-file=\"https:\/\/i0.wp.com\/itayachtscanada.com\/wp-content\/uploads\/2024\/09\/Capture-decran-le-2024-09-03-a-14.27.14.jpg?fit=300%2C202&#038;ssl=1\" data-large-file=\"https:\/\/i0.wp.com\/itayachtscanada.com\/wp-content\/uploads\/2024\/09\/Capture-decran-le-2024-09-03-a-14.27.14.jpg?fit=700%2C471&#038;ssl=1\" src=\"https:\/\/i0.wp.com\/itayachtscanada.com\/wp-content\/uploads\/2024\/09\/Capture-decran-le-2024-09-03-a-14.27.14.jpg?w=246&#038;h=166&#038;ssl=1\" srcset=\"https:\/\/i0.wp.com\/itayachtscanada.com\/wp-content\/uploads\/2024\/09\/Capture-decran-le-2024-09-03-a-14.27.14.jpg?w=1496&amp;ssl=1 1496w, https:\/\/i0.wp.com\/itayachtscanada.com\/wp-content\/uploads\/2024\/09\/Capture-decran-le-2024-09-03-a-14.27.14.jpg?resize=300%2C202&amp;ssl=1 300w, https:\/\/i0.wp.com\/itayachtscanada.com\/wp-content\/uploads\/2024\/09\/Capture-decran-le-2024-09-03-a-14.27.14.jpg?resize=1024%2C689&amp;ssl=1 1024w, https:\/\/i0.wp.com\/itayachtscanada.com\/wp-content\/uploads\/2024\/09\/Capture-decran-le-2024-09-03-a-14.27.14.jpg?resize=768%2C516&amp;ssl=1 768w, https:\/\/i0.wp.com\/itayachtscanada.com\/wp-content\/uploads\/2024\/09\/Capture-decran-le-2024-09-03-a-14.27.14.jpg?resize=700%2C471&amp;ssl=1 700w, https:\/\/i0.wp.com\/itayachtscanada.com\/wp-content\/uploads\/2024\/09\/Capture-decran-le-2024-09-03-a-14.27.14.jpg?resize=595%2C400&amp;ssl=1 595w, https:\/\/i0.wp.com\/itayachtscanada.com\/wp-content\/uploads\/2024\/09\/Capture-decran-le-2024-09-03-a-14.27.14.jpg?w=1400&amp;ssl=1 1400w\" width=\"246\" height=\"166\" loading=\"lazy\" data-original-width=\"246\" data-original-height=\"166\" itemprop=\"http:\/\/schema.org\/image\" title=\"Capture d\u2019e\u0301cran, le 2024-09-03 a\u0300 14.27.14\" alt=\"Capture d\u2019e\u0301cran, le 2024-09-03 a\u0300 14.27.14\" style=\"width: 246px; height: 166px;\" \/> <\/a> <\/div> <div class=\"tiled-gallery-item tiled-gallery-item-small\" itemprop=\"associatedMedia\" itemscope itemtype=\"http:\/\/schema.org\/ImageObject\"> <a href=\"https:\/\/itayachtscanada.com\/fr\/listing\/ferretti-custom-line-106-2023-10995000-usd-for-sale\/capture-decran-le-2024-09-03-a-14-27-06\/\" border=\"0\" itemprop=\"url\"> <meta itemprop=\"width\" content=\"246\"> <meta itemprop=\"height\" content=\"165\"> <img decoding=\"async\" class=\"\" data-attachment-id=\"175861\" data-orig-file=\"https:\/\/itayachtscanada.com\/wp-content\/uploads\/2024\/09\/Capture-decran-le-2024-09-03-a-14.27.06.jpg\" data-orig-size=\"1496,1006\" data-comments-opened=\"1\" data-image-meta=\"{&quot;aperture&quot;:&quot;0&quot;,&quot;credit&quot;:&quot;&quot;,&quot;camera&quot;:&quot;&quot;,&quot;caption&quot;:&quot;&quot;,&quot;created_timestamp&quot;:&quot;0&quot;,&quot;copyright&quot;:&quot;&quot;,&quot;focal_length&quot;:&quot;0&quot;,&quot;iso&quot;:&quot;0&quot;,&quot;shutter_speed&quot;:&quot;0&quot;,&quot;title&quot;:&quot;&quot;,&quot;orientation&quot;:&quot;0&quot;}\" data-image-title=\"Capture d\u2019e\u0301cran, le 2024-09-03 a\u0300 14.27.06\" data-image-description=\"\" data-medium-file=\"https:\/\/i0.wp.com\/itayachtscanada.com\/wp-content\/uploads\/2024\/09\/Capture-decran-le-2024-09-03-a-14.27.06.jpg?fit=300%2C202&#038;ssl=1\" data-large-file=\"https:\/\/i0.wp.com\/itayachtscanada.com\/wp-content\/uploads\/2024\/09\/Capture-decran-le-2024-09-03-a-14.27.06.jpg?fit=700%2C471&#038;ssl=1\" src=\"https:\/\/i0.wp.com\/itayachtscanada.com\/wp-content\/uploads\/2024\/09\/Capture-decran-le-2024-09-03-a-14.27.06.jpg?w=246&#038;h=165&#038;ssl=1\" srcset=\"https:\/\/i0.wp.com\/itayachtscanada.com\/wp-content\/uploads\/2024\/09\/Capture-decran-le-2024-09-03-a-14.27.06.jpg?w=1496&amp;ssl=1 1496w, https:\/\/i0.wp.com\/itayachtscanada.com\/wp-content\/uploads\/2024\/09\/Capture-decran-le-2024-09-03-a-14.27.06.jpg?resize=300%2C202&amp;ssl=1 300w, https:\/\/i0.wp.com\/itayachtscanada.com\/wp-content\/uploads\/2024\/09\/Capture-decran-le-2024-09-03-a-14.27.06.jpg?resize=1024%2C689&amp;ssl=1 1024w, https:\/\/i0.wp.com\/itayachtscanada.com\/wp-content\/uploads\/2024\/09\/Capture-decran-le-2024-09-03-a-14.27.06.jpg?resize=768%2C516&amp;ssl=1 768w, https:\/\/i0.wp.com\/itayachtscanada.com\/wp-content\/uploads\/2024\/09\/Capture-decran-le-2024-09-03-a-14.27.06.jpg?resize=700%2C471&amp;ssl=1 700w, https:\/\/i0.wp.com\/itayachtscanada.com\/wp-content\/uploads\/2024\/09\/Capture-decran-le-2024-09-03-a-14.27.06.jpg?resize=900%2C600&amp;ssl=1 900w, https:\/\/i0.wp.com\/itayachtscanada.com\/wp-content\/uploads\/2024\/09\/Capture-decran-le-2024-09-03-a-14.27.06.jpg?resize=595%2C400&amp;ssl=1 595w, https:\/\/i0.wp.com\/itayachtscanada.com\/wp-content\/uploads\/2024\/09\/Capture-decran-le-2024-09-03-a-14.27.06.jpg?w=1400&amp;ssl=1 1400w\" width=\"246\" height=\"165\" loading=\"lazy\" data-original-width=\"246\" data-original-height=\"165\" itemprop=\"http:\/\/schema.org\/image\" title=\"Capture d\u2019e\u0301cran, le 2024-09-03 a\u0300 14.27.06\" alt=\"Capture d\u2019e\u0301cran, le 2024-09-03 a\u0300 14.27.06\" style=\"width: 246px; height: 165px;\" \/> <\/a> <\/div> <\/div> <!-- close group --> <div class=\"gallery-group images-1\" style=\"width: 225px; height: 339px;\" data-original-width=\"225\" data-original-height=\"339\" > <div class=\"tiled-gallery-item tiled-gallery-item-small\" itemprop=\"associatedMedia\" itemscope itemtype=\"http:\/\/schema.org\/ImageObject\"> <a href=\"https:\/\/itayachtscanada.com\/fr\/listing\/ferretti-custom-line-106-2023-10995000-usd-for-sale\/capture-decran-le-2024-09-03-a-14-26-55\/\" border=\"0\" itemprop=\"url\"> <meta itemprop=\"width\" content=\"221\"> <meta itemprop=\"height\" content=\"335\"> <img decoding=\"async\" class=\"\" data-attachment-id=\"175862\" data-orig-file=\"https:\/\/itayachtscanada.com\/wp-content\/uploads\/2024\/09\/Capture-decran-le-2024-09-03-a-14.26.55.jpg\" data-orig-size=\"664,1006\" data-comments-opened=\"1\" data-image-meta=\"{&quot;aperture&quot;:&quot;0&quot;,&quot;credit&quot;:&quot;&quot;,&quot;camera&quot;:&quot;&quot;,&quot;caption&quot;:&quot;&quot;,&quot;created_timestamp&quot;:&quot;0&quot;,&quot;copyright&quot;:&quot;&quot;,&quot;focal_length&quot;:&quot;0&quot;,&quot;iso&quot;:&quot;0&quot;,&quot;shutter_speed&quot;:&quot;0&quot;,&quot;title&quot;:&quot;&quot;,&quot;orientation&quot;:&quot;0&quot;}\" data-image-title=\"Capture d\u2019e\u0301cran, le 2024-09-03 a\u0300 14.26.55\" data-image-description=\"\" data-medium-file=\"https:\/\/i0.wp.com\/itayachtscanada.com\/wp-content\/uploads\/2024\/09\/Capture-decran-le-2024-09-03-a-14.26.55.jpg?fit=198%2C300&#038;ssl=1\" data-large-file=\"https:\/\/i0.wp.com\/itayachtscanada.com\/wp-content\/uploads\/2024\/09\/Capture-decran-le-2024-09-03-a-14.26.55.jpg?fit=664%2C1006&#038;ssl=1\" src=\"https:\/\/i0.wp.com\/itayachtscanada.com\/wp-content\/uploads\/2024\/09\/Capture-decran-le-2024-09-03-a-14.26.55.jpg?w=221&#038;h=335&#038;ssl=1\" srcset=\"https:\/\/i0.wp.com\/itayachtscanada.com\/wp-content\/uploads\/2024\/09\/Capture-decran-le-2024-09-03-a-14.26.55.jpg?w=664&amp;ssl=1 664w, https:\/\/i0.wp.com\/itayachtscanada.com\/wp-content\/uploads\/2024\/09\/Capture-decran-le-2024-09-03-a-14.26.55.jpg?resize=198%2C300&amp;ssl=1 198w, https:\/\/i0.wp.com\/itayachtscanada.com\/wp-content\/uploads\/2024\/09\/Capture-decran-le-2024-09-03-a-14.26.55.jpg?resize=264%2C400&amp;ssl=1 264w\" width=\"221\" height=\"335\" loading=\"lazy\" data-original-width=\"221\" data-original-height=\"335\" itemprop=\"http:\/\/schema.org\/image\" title=\"Capture d\u2019e\u0301cran, le 2024-09-03 a\u0300 14.26.55\" alt=\"Capture d\u2019e\u0301cran, le 2024-09-03 a\u0300 14.26.55\" style=\"width: 221px; height: 335px;\" \/> <\/a> <\/div> <\/div> <!-- close group --> <\/div> <!-- close row --> <div class=\"gallery-row\" style=\"width: 700px; height: 315px;\" data-original-width=\"700\" data-original-height=\"315\" > <div class=\"gallery-group images-1\" style=\"width: 467px; height: 315px;\" data-original-width=\"467\" data-original-height=\"315\" > <div class=\"tiled-gallery-item tiled-gallery-item-large\" itemprop=\"associatedMedia\" itemscope itemtype=\"http:\/\/schema.org\/ImageObject\"> <a href=\"https:\/\/itayachtscanada.com\/fr\/listing\/ferretti-custom-line-106-2023-10995000-usd-for-sale\/capture-decran-le-2024-09-03-a-14-26-52\/\" border=\"0\" itemprop=\"url\"> <meta itemprop=\"width\" content=\"463\"> <meta itemprop=\"height\" content=\"311\"> <img decoding=\"async\" class=\"\" data-attachment-id=\"175863\" data-orig-file=\"https:\/\/itayachtscanada.com\/wp-content\/uploads\/2024\/09\/Capture-decran-le-2024-09-03-a-14.26.52.jpg\" data-orig-size=\"1498,1006\" data-comments-opened=\"1\" data-image-meta=\"{&quot;aperture&quot;:&quot;0&quot;,&quot;credit&quot;:&quot;&quot;,&quot;camera&quot;:&quot;&quot;,&quot;caption&quot;:&quot;&quot;,&quot;created_timestamp&quot;:&quot;0&quot;,&quot;copyright&quot;:&quot;&quot;,&quot;focal_length&quot;:&quot;0&quot;,&quot;iso&quot;:&quot;0&quot;,&quot;shutter_speed&quot;:&quot;0&quot;,&quot;title&quot;:&quot;&quot;,&quot;orientation&quot;:&quot;0&quot;}\" data-image-title=\"Capture d\u2019e\u0301cran, le 2024-09-03 a\u0300 14.26.52\" data-image-description=\"\" data-medium-file=\"https:\/\/i0.wp.com\/itayachtscanada.com\/wp-content\/uploads\/2024\/09\/Capture-decran-le-2024-09-03-a-14.26.52.jpg?fit=300%2C201&#038;ssl=1\" data-large-file=\"https:\/\/i0.wp.com\/itayachtscanada.com\/wp-content\/uploads\/2024\/09\/Capture-decran-le-2024-09-03-a-14.26.52.jpg?fit=700%2C470&#038;ssl=1\" src=\"https:\/\/i0.wp.com\/itayachtscanada.com\/wp-content\/uploads\/2024\/09\/Capture-decran-le-2024-09-03-a-14.26.52.jpg?w=463&#038;h=311&#038;ssl=1\" srcset=\"https:\/\/i0.wp.com\/itayachtscanada.com\/wp-content\/uploads\/2024\/09\/Capture-decran-le-2024-09-03-a-14.26.52.jpg?w=1498&amp;ssl=1 1498w, https:\/\/i0.wp.com\/itayachtscanada.com\/wp-content\/uploads\/2024\/09\/Capture-decran-le-2024-09-03-a-14.26.52.jpg?resize=300%2C201&amp;ssl=1 300w, https:\/\/i0.wp.com\/itayachtscanada.com\/wp-content\/uploads\/2024\/09\/Capture-decran-le-2024-09-03-a-14.26.52.jpg?resize=1024%2C688&amp;ssl=1 1024w, https:\/\/i0.wp.com\/itayachtscanada.com\/wp-content\/uploads\/2024\/09\/Capture-decran-le-2024-09-03-a-14.26.52.jpg?resize=768%2C516&amp;ssl=1 768w, https:\/\/i0.wp.com\/itayachtscanada.com\/wp-content\/uploads\/2024\/09\/Capture-decran-le-2024-09-03-a-14.26.52.jpg?resize=700%2C470&amp;ssl=1 700w, https:\/\/i0.wp.com\/itayachtscanada.com\/wp-content\/uploads\/2024\/09\/Capture-decran-le-2024-09-03-a-14.26.52.jpg?resize=596%2C400&amp;ssl=1 596w, https:\/\/i0.wp.com\/itayachtscanada.com\/wp-content\/uploads\/2024\/09\/Capture-decran-le-2024-09-03-a-14.26.52.jpg?w=1400&amp;ssl=1 1400w\" width=\"463\" height=\"311\" loading=\"lazy\" data-original-width=\"463\" data-original-height=\"311\" itemprop=\"http:\/\/schema.org\/image\" title=\"Capture d\u2019e\u0301cran, le 2024-09-03 a\u0300 14.26.52\" alt=\"Capture d\u2019e\u0301cran, le 2024-09-03 a\u0300 14.26.52\" style=\"width: 463px; height: 311px;\" \/> <\/a> <\/div> <\/div> <!-- close group --> <div class=\"gallery-group images-2\" style=\"width: 233px; height: 315px;\" data-original-width=\"233\" data-original-height=\"315\" > <div class=\"tiled-gallery-item tiled-gallery-item-small\" itemprop=\"associatedMedia\" itemscope itemtype=\"http:\/\/schema.org\/ImageObject\"> <a href=\"https:\/\/itayachtscanada.com\/fr\/listing\/ferretti-custom-line-106-2023-10995000-usd-for-sale\/capture-decran-le-2024-09-03-a-14-26-48\/\" border=\"0\" itemprop=\"url\"> <meta itemprop=\"width\" content=\"229\"> <meta itemprop=\"height\" content=\"154\"> <img decoding=\"async\" class=\"\" data-attachment-id=\"175864\" data-orig-file=\"https:\/\/itayachtscanada.com\/wp-content\/uploads\/2024\/09\/Capture-decran-le-2024-09-03-a-14.26.48.jpg\" data-orig-size=\"1498,1006\" data-comments-opened=\"1\" data-image-meta=\"{&quot;aperture&quot;:&quot;0&quot;,&quot;credit&quot;:&quot;&quot;,&quot;camera&quot;:&quot;&quot;,&quot;caption&quot;:&quot;&quot;,&quot;created_timestamp&quot;:&quot;0&quot;,&quot;copyright&quot;:&quot;&quot;,&quot;focal_length&quot;:&quot;0&quot;,&quot;iso&quot;:&quot;0&quot;,&quot;shutter_speed&quot;:&quot;0&quot;,&quot;title&quot;:&quot;&quot;,&quot;orientation&quot;:&quot;0&quot;}\" data-image-title=\"Capture d\u2019e\u0301cran, le 2024-09-03 a\u0300 14.26.48\" data-image-description=\"\" data-medium-file=\"https:\/\/i0.wp.com\/itayachtscanada.com\/wp-content\/uploads\/2024\/09\/Capture-decran-le-2024-09-03-a-14.26.48.jpg?fit=300%2C201&#038;ssl=1\" data-large-file=\"https:\/\/i0.wp.com\/itayachtscanada.com\/wp-content\/uploads\/2024\/09\/Capture-decran-le-2024-09-03-a-14.26.48.jpg?fit=700%2C470&#038;ssl=1\" src=\"https:\/\/i0.wp.com\/itayachtscanada.com\/wp-content\/uploads\/2024\/09\/Capture-decran-le-2024-09-03-a-14.26.48.jpg?w=229&#038;h=154&#038;ssl=1\" srcset=\"https:\/\/i0.wp.com\/itayachtscanada.com\/wp-content\/uploads\/2024\/09\/Capture-decran-le-2024-09-03-a-14.26.48.jpg?w=1498&amp;ssl=1 1498w, https:\/\/i0.wp.com\/itayachtscanada.com\/wp-content\/uploads\/2024\/09\/Capture-decran-le-2024-09-03-a-14.26.48.jpg?resize=300%2C201&amp;ssl=1 300w, https:\/\/i0.wp.com\/itayachtscanada.com\/wp-content\/uploads\/2024\/09\/Capture-decran-le-2024-09-03-a-14.26.48.jpg?resize=1024%2C688&amp;ssl=1 1024w, https:\/\/i0.wp.com\/itayachtscanada.com\/wp-content\/uploads\/2024\/09\/Capture-decran-le-2024-09-03-a-14.26.48.jpg?resize=768%2C516&amp;ssl=1 768w, https:\/\/i0.wp.com\/itayachtscanada.com\/wp-content\/uploads\/2024\/09\/Capture-decran-le-2024-09-03-a-14.26.48.jpg?resize=700%2C470&amp;ssl=1 700w, https:\/\/i0.wp.com\/itayachtscanada.com\/wp-content\/uploads\/2024\/09\/Capture-decran-le-2024-09-03-a-14.26.48.jpg?resize=900%2C600&amp;ssl=1 900w, https:\/\/i0.wp.com\/itayachtscanada.com\/wp-content\/uploads\/2024\/09\/Capture-decran-le-2024-09-03-a-14.26.48.jpg?resize=596%2C400&amp;ssl=1 596w, https:\/\/i0.wp.com\/itayachtscanada.com\/wp-content\/uploads\/2024\/09\/Capture-decran-le-2024-09-03-a-14.26.48.jpg?w=1400&amp;ssl=1 1400w\" width=\"229\" height=\"154\" loading=\"lazy\" data-original-width=\"229\" data-original-height=\"154\" itemprop=\"http:\/\/schema.org\/image\" title=\"Capture d\u2019e\u0301cran, le 2024-09-03 a\u0300 14.26.48\" alt=\"Capture d\u2019e\u0301cran, le 2024-09-03 a\u0300 14.26.48\" style=\"width: 229px; height: 154px;\" \/> <\/a> <\/div> <div class=\"tiled-gallery-item tiled-gallery-item-small\" itemprop=\"associatedMedia\" itemscope itemtype=\"http:\/\/schema.org\/ImageObject\"> <a href=\"https:\/\/itayachtscanada.com\/fr\/listing\/ferretti-custom-line-106-2023-10995000-usd-for-sale\/capture-decran-le-2024-09-03-a-14-26-44\/\" border=\"0\" itemprop=\"url\"> <meta itemprop=\"width\" content=\"229\"> <meta itemprop=\"height\" content=\"153\"> <img decoding=\"async\" class=\"\" data-attachment-id=\"175865\" data-orig-file=\"https:\/\/itayachtscanada.com\/wp-content\/uploads\/2024\/09\/Capture-decran-le-2024-09-03-a-14.26.44.jpg\" data-orig-size=\"1498,1006\" data-comments-opened=\"1\" data-image-meta=\"{&quot;aperture&quot;:&quot;0&quot;,&quot;credit&quot;:&quot;&quot;,&quot;camera&quot;:&quot;&quot;,&quot;caption&quot;:&quot;&quot;,&quot;created_timestamp&quot;:&quot;0&quot;,&quot;copyright&quot;:&quot;&quot;,&quot;focal_length&quot;:&quot;0&quot;,&quot;iso&quot;:&quot;0&quot;,&quot;shutter_speed&quot;:&quot;0&quot;,&quot;title&quot;:&quot;&quot;,&quot;orientation&quot;:&quot;0&quot;}\" data-image-title=\"Capture d\u2019e\u0301cran, le 2024-09-03 a\u0300 14.26.44\" data-image-description=\"\" data-medium-file=\"https:\/\/i0.wp.com\/itayachtscanada.com\/wp-content\/uploads\/2024\/09\/Capture-decran-le-2024-09-03-a-14.26.44.jpg?fit=300%2C201&#038;ssl=1\" data-large-file=\"https:\/\/i0.wp.com\/itayachtscanada.com\/wp-content\/uploads\/2024\/09\/Capture-decran-le-2024-09-03-a-14.26.44.jpg?fit=700%2C470&#038;ssl=1\" src=\"https:\/\/i0.wp.com\/itayachtscanada.com\/wp-content\/uploads\/2024\/09\/Capture-decran-le-2024-09-03-a-14.26.44.jpg?w=229&#038;h=153&#038;ssl=1\" srcset=\"https:\/\/i0.wp.com\/itayachtscanada.com\/wp-content\/uploads\/2024\/09\/Capture-decran-le-2024-09-03-a-14.26.44.jpg?w=1498&amp;ssl=1 1498w, https:\/\/i0.wp.com\/itayachtscanada.com\/wp-content\/uploads\/2024\/09\/Capture-decran-le-2024-09-03-a-14.26.44.jpg?resize=300%2C201&amp;ssl=1 300w, https:\/\/i0.wp.com\/itayachtscanada.com\/wp-content\/uploads\/2024\/09\/Capture-decran-le-2024-09-03-a-14.26.44.jpg?resize=1024%2C688&amp;ssl=1 1024w, https:\/\/i0.wp.com\/itayachtscanada.com\/wp-content\/uploads\/2024\/09\/Capture-decran-le-2024-09-03-a-14.26.44.jpg?resize=768%2C516&amp;ssl=1 768w, https:\/\/i0.wp.com\/itayachtscanada.com\/wp-content\/uploads\/2024\/09\/Capture-decran-le-2024-09-03-a-14.26.44.jpg?resize=700%2C470&amp;ssl=1 700w, https:\/\/i0.wp.com\/itayachtscanada.com\/wp-content\/uploads\/2024\/09\/Capture-decran-le-2024-09-03-a-14.26.44.jpg?resize=900%2C600&amp;ssl=1 900w, https:\/\/i0.wp.com\/itayachtscanada.com\/wp-content\/uploads\/2024\/09\/Capture-decran-le-2024-09-03-a-14.26.44.jpg?resize=596%2C400&amp;ssl=1 596w, https:\/\/i0.wp.com\/itayachtscanada.com\/wp-content\/uploads\/2024\/09\/Capture-decran-le-2024-09-03-a-14.26.44.jpg?w=1400&amp;ssl=1 1400w\" width=\"229\" height=\"153\" loading=\"lazy\" data-original-width=\"229\" data-original-height=\"153\" itemprop=\"http:\/\/schema.org\/image\" title=\"Capture d\u2019e\u0301cran, le 2024-09-03 a\u0300 14.26.44\" alt=\"Capture d\u2019e\u0301cran, le 2024-09-03 a\u0300 14.26.44\" style=\"width: 229px; height: 153px;\" \/> <\/a> <\/div> <\/div> <!-- close group --> <\/div> <!-- close row --> <div class=\"gallery-row\" style=\"width: 700px; height: 158px;\" data-original-width=\"700\" data-original-height=\"158\" > <div class=\"gallery-group images-1\" style=\"width: 234px; height: 158px;\" data-original-width=\"234\" data-original-height=\"158\" > <div class=\"tiled-gallery-item tiled-gallery-item-small\" itemprop=\"associatedMedia\" itemscope itemtype=\"http:\/\/schema.org\/ImageObject\"> <a href=\"https:\/\/itayachtscanada.com\/fr\/listing\/ferretti-custom-line-106-2023-10995000-usd-for-sale\/capture-decran-le-2024-09-03-a-14-26-40\/\" border=\"0\" itemprop=\"url\"> <meta itemprop=\"width\" content=\"230\"> <meta itemprop=\"height\" content=\"154\"> <img decoding=\"async\" class=\"\" data-attachment-id=\"175866\" data-orig-file=\"https:\/\/itayachtscanada.com\/wp-content\/uploads\/2024\/09\/Capture-decran-le-2024-09-03-a-14.26.40.jpg\" data-orig-size=\"1498,1006\" data-comments-opened=\"1\" data-image-meta=\"{&quot;aperture&quot;:&quot;0&quot;,&quot;credit&quot;:&quot;&quot;,&quot;camera&quot;:&quot;&quot;,&quot;caption&quot;:&quot;&quot;,&quot;created_timestamp&quot;:&quot;0&quot;,&quot;copyright&quot;:&quot;&quot;,&quot;focal_length&quot;:&quot;0&quot;,&quot;iso&quot;:&quot;0&quot;,&quot;shutter_speed&quot;:&quot;0&quot;,&quot;title&quot;:&quot;&quot;,&quot;orientation&quot;:&quot;0&quot;}\" data-image-title=\"Capture d\u2019e\u0301cran, le 2024-09-03 a\u0300 14.26.40\" data-image-description=\"\" data-medium-file=\"https:\/\/i0.wp.com\/itayachtscanada.com\/wp-content\/uploads\/2024\/09\/Capture-decran-le-2024-09-03-a-14.26.40.jpg?fit=300%2C201&#038;ssl=1\" data-large-file=\"https:\/\/i0.wp.com\/itayachtscanada.com\/wp-content\/uploads\/2024\/09\/Capture-decran-le-2024-09-03-a-14.26.40.jpg?fit=700%2C470&#038;ssl=1\" src=\"https:\/\/i0.wp.com\/itayachtscanada.com\/wp-content\/uploads\/2024\/09\/Capture-decran-le-2024-09-03-a-14.26.40.jpg?w=230&#038;h=154&#038;ssl=1\" srcset=\"https:\/\/i0.wp.com\/itayachtscanada.com\/wp-content\/uploads\/2024\/09\/Capture-decran-le-2024-09-03-a-14.26.40.jpg?w=1498&amp;ssl=1 1498w, https:\/\/i0.wp.com\/itayachtscanada.com\/wp-content\/uploads\/2024\/09\/Capture-decran-le-2024-09-03-a-14.26.40.jpg?resize=300%2C201&amp;ssl=1 300w, https:\/\/i0.wp.com\/itayachtscanada.com\/wp-content\/uploads\/2024\/09\/Capture-decran-le-2024-09-03-a-14.26.40.jpg?resize=1024%2C688&amp;ssl=1 1024w, https:\/\/i0.wp.com\/itayachtscanada.com\/wp-content\/uploads\/2024\/09\/Capture-decran-le-2024-09-03-a-14.26.40.jpg?resize=768%2C516&amp;ssl=1 768w, https:\/\/i0.wp.com\/itayachtscanada.com\/wp-content\/uploads\/2024\/09\/Capture-decran-le-2024-09-03-a-14.26.40.jpg?resize=700%2C470&amp;ssl=1 700w, https:\/\/i0.wp.com\/itayachtscanada.com\/wp-content\/uploads\/2024\/09\/Capture-decran-le-2024-09-03-a-14.26.40.jpg?resize=900%2C600&amp;ssl=1 900w, https:\/\/i0.wp.com\/itayachtscanada.com\/wp-content\/uploads\/2024\/09\/Capture-decran-le-2024-09-03-a-14.26.40.jpg?resize=596%2C400&amp;ssl=1 596w, https:\/\/i0.wp.com\/itayachtscanada.com\/wp-content\/uploads\/2024\/09\/Capture-decran-le-2024-09-03-a-14.26.40.jpg?w=1400&amp;ssl=1 1400w\" width=\"230\" height=\"154\" loading=\"lazy\" data-original-width=\"230\" data-original-height=\"154\" itemprop=\"http:\/\/schema.org\/image\" title=\"Capture d\u2019e\u0301cran, le 2024-09-03 a\u0300 14.26.40\" alt=\"Capture d\u2019e\u0301cran, le 2024-09-03 a\u0300 14.26.40\" style=\"width: 230px; height: 154px;\" \/> <\/a> <\/div> <\/div> <!-- close group --> <div class=\"gallery-group images-1\" style=\"width: 233px; height: 158px;\" data-original-width=\"233\" data-original-height=\"158\" > <div class=\"tiled-gallery-item tiled-gallery-item-small\" itemprop=\"associatedMedia\" itemscope itemtype=\"http:\/\/schema.org\/ImageObject\"> <a href=\"https:\/\/itayachtscanada.com\/fr\/listing\/ferretti-custom-line-106-2023-10995000-usd-for-sale\/capture-decran-le-2024-09-03-a-14-26-36\/\" border=\"0\" itemprop=\"url\"> <meta itemprop=\"width\" content=\"229\"> <meta itemprop=\"height\" content=\"154\"> <img decoding=\"async\" class=\"\" data-attachment-id=\"175867\" data-orig-file=\"https:\/\/itayachtscanada.com\/wp-content\/uploads\/2024\/09\/Capture-decran-le-2024-09-03-a-14.26.36.jpg\" data-orig-size=\"1498,1006\" data-comments-opened=\"1\" data-image-meta=\"{&quot;aperture&quot;:&quot;0&quot;,&quot;credit&quot;:&quot;&quot;,&quot;camera&quot;:&quot;&quot;,&quot;caption&quot;:&quot;&quot;,&quot;created_timestamp&quot;:&quot;0&quot;,&quot;copyright&quot;:&quot;&quot;,&quot;focal_length&quot;:&quot;0&quot;,&quot;iso&quot;:&quot;0&quot;,&quot;shutter_speed&quot;:&quot;0&quot;,&quot;title&quot;:&quot;&quot;,&quot;orientation&quot;:&quot;0&quot;}\" data-image-title=\"Capture d\u2019e\u0301cran, le 2024-09-03 a\u0300 14.26.36\" data-image-description=\"\" data-medium-file=\"https:\/\/i0.wp.com\/itayachtscanada.com\/wp-content\/uploads\/2024\/09\/Capture-decran-le-2024-09-03-a-14.26.36.jpg?fit=300%2C201&#038;ssl=1\" data-large-file=\"https:\/\/i0.wp.com\/itayachtscanada.com\/wp-content\/uploads\/2024\/09\/Capture-decran-le-2024-09-03-a-14.26.36.jpg?fit=700%2C470&#038;ssl=1\" src=\"https:\/\/i0.wp.com\/itayachtscanada.com\/wp-content\/uploads\/2024\/09\/Capture-decran-le-2024-09-03-a-14.26.36.jpg?w=229&#038;h=154&#038;ssl=1\" srcset=\"https:\/\/i0.wp.com\/itayachtscanada.com\/wp-content\/uploads\/2024\/09\/Capture-decran-le-2024-09-03-a-14.26.36.jpg?w=1498&amp;ssl=1 1498w, https:\/\/i0.wp.com\/itayachtscanada.com\/wp-content\/uploads\/2024\/09\/Capture-decran-le-2024-09-03-a-14.26.36.jpg?resize=300%2C201&amp;ssl=1 300w, https:\/\/i0.wp.com\/itayachtscanada.com\/wp-content\/uploads\/2024\/09\/Capture-decran-le-2024-09-03-a-14.26.36.jpg?resize=1024%2C688&amp;ssl=1 1024w, https:\/\/i0.wp.com\/itayachtscanada.com\/wp-content\/uploads\/2024\/09\/Capture-decran-le-2024-09-03-a-14.26.36.jpg?resize=768%2C516&amp;ssl=1 768w, https:\/\/i0.wp.com\/itayachtscanada.com\/wp-content\/uploads\/2024\/09\/Capture-decran-le-2024-09-03-a-14.26.36.jpg?resize=700%2C470&amp;ssl=1 700w, https:\/\/i0.wp.com\/itayachtscanada.com\/wp-content\/uploads\/2024\/09\/Capture-decran-le-2024-09-03-a-14.26.36.jpg?resize=900%2C600&amp;ssl=1 900w, https:\/\/i0.wp.com\/itayachtscanada.com\/wp-content\/uploads\/2024\/09\/Capture-decran-le-2024-09-03-a-14.26.36.jpg?resize=596%2C400&amp;ssl=1 596w, https:\/\/i0.wp.com\/itayachtscanada.com\/wp-content\/uploads\/2024\/09\/Capture-decran-le-2024-09-03-a-14.26.36.jpg?w=1400&amp;ssl=1 1400w\" width=\"229\" height=\"154\" loading=\"lazy\" data-original-width=\"229\" data-original-height=\"154\" itemprop=\"http:\/\/schema.org\/image\" title=\"Capture d\u2019e\u0301cran, le 2024-09-03 a\u0300 14.26.36\" alt=\"Capture d\u2019e\u0301cran, le 2024-09-03 a\u0300 14.26.36\" style=\"width: 229px; height: 154px;\" \/> <\/a> <\/div> <\/div> <!-- close group --> <div class=\"gallery-group images-1\" style=\"width: 233px; height: 158px;\" data-original-width=\"233\" data-original-height=\"158\" > <div class=\"tiled-gallery-item tiled-gallery-item-small\" itemprop=\"associatedMedia\" itemscope itemtype=\"http:\/\/schema.org\/ImageObject\"> <a href=\"https:\/\/itayachtscanada.com\/fr\/listing\/ferretti-custom-line-106-2023-10995000-usd-for-sale\/capture-decran-le-2024-09-03-a-14-26-32\/\" border=\"0\" itemprop=\"url\"> <meta itemprop=\"width\" content=\"229\"> <meta itemprop=\"height\" content=\"154\"> <img decoding=\"async\" class=\"\" data-attachment-id=\"175868\" data-orig-file=\"https:\/\/itayachtscanada.com\/wp-content\/uploads\/2024\/09\/Capture-decran-le-2024-09-03-a-14.26.32.jpg\" data-orig-size=\"1498,1006\" data-comments-opened=\"1\" data-image-meta=\"{&quot;aperture&quot;:&quot;0&quot;,&quot;credit&quot;:&quot;&quot;,&quot;camera&quot;:&quot;&quot;,&quot;caption&quot;:&quot;&quot;,&quot;created_timestamp&quot;:&quot;0&quot;,&quot;copyright&quot;:&quot;&quot;,&quot;focal_length&quot;:&quot;0&quot;,&quot;iso&quot;:&quot;0&quot;,&quot;shutter_speed&quot;:&quot;0&quot;,&quot;title&quot;:&quot;&quot;,&quot;orientation&quot;:&quot;0&quot;}\" data-image-title=\"Capture d\u2019e\u0301cran, le 2024-09-03 a\u0300 14.26.32\" data-image-description=\"\" data-medium-file=\"https:\/\/i0.wp.com\/itayachtscanada.com\/wp-content\/uploads\/2024\/09\/Capture-decran-le-2024-09-03-a-14.26.32.jpg?fit=300%2C201&#038;ssl=1\" data-large-file=\"https:\/\/i0.wp.com\/itayachtscanada.com\/wp-content\/uploads\/2024\/09\/Capture-decran-le-2024-09-03-a-14.26.32.jpg?fit=700%2C470&#038;ssl=1\" src=\"https:\/\/i0.wp.com\/itayachtscanada.com\/wp-content\/uploads\/2024\/09\/Capture-decran-le-2024-09-03-a-14.26.32.jpg?w=229&#038;h=154&#038;ssl=1\" srcset=\"https:\/\/i0.wp.com\/itayachtscanada.com\/wp-content\/uploads\/2024\/09\/Capture-decran-le-2024-09-03-a-14.26.32.jpg?w=1498&amp;ssl=1 1498w, https:\/\/i0.wp.com\/itayachtscanada.com\/wp-content\/uploads\/2024\/09\/Capture-decran-le-2024-09-03-a-14.26.32.jpg?resize=300%2C201&amp;ssl=1 300w, https:\/\/i0.wp.com\/itayachtscanada.com\/wp-content\/uploads\/2024\/09\/Capture-decran-le-2024-09-03-a-14.26.32.jpg?resize=1024%2C688&amp;ssl=1 1024w, https:\/\/i0.wp.com\/itayachtscanada.com\/wp-content\/uploads\/2024\/09\/Capture-decran-le-2024-09-03-a-14.26.32.jpg?resize=768%2C516&amp;ssl=1 768w, https:\/\/i0.wp.com\/itayachtscanada.com\/wp-content\/uploads\/2024\/09\/Capture-decran-le-2024-09-03-a-14.26.32.jpg?resize=700%2C470&amp;ssl=1 700w, https:\/\/i0.wp.com\/itayachtscanada.com\/wp-content\/uploads\/2024\/09\/Capture-decran-le-2024-09-03-a-14.26.32.jpg?resize=900%2C600&amp;ssl=1 900w, https:\/\/i0.wp.com\/itayachtscanada.com\/wp-content\/uploads\/2024\/09\/Capture-decran-le-2024-09-03-a-14.26.32.jpg?resize=596%2C400&amp;ssl=1 596w, https:\/\/i0.wp.com\/itayachtscanada.com\/wp-content\/uploads\/2024\/09\/Capture-decran-le-2024-09-03-a-14.26.32.jpg?w=1400&amp;ssl=1 1400w\" width=\"229\" height=\"154\" loading=\"lazy\" data-original-width=\"229\" data-original-height=\"154\" itemprop=\"http:\/\/schema.org\/image\" title=\"Capture d\u2019e\u0301cran, le 2024-09-03 a\u0300 14.26.32\" alt=\"Capture d\u2019e\u0301cran, le 2024-09-03 a\u0300 14.26.32\" style=\"width: 229px; height: 154px;\" \/> <\/a> <\/div> <\/div> <!-- close group --> <\/div> <!-- close row --> <div class=\"gallery-row\" style=\"width: 700px; height: 315px;\" data-original-width=\"700\" data-original-height=\"315\" > <div class=\"gallery-group images-2\" style=\"width: 233px; height: 315px;\" data-original-width=\"233\" data-original-height=\"315\" > <div class=\"tiled-gallery-item tiled-gallery-item-small\" itemprop=\"associatedMedia\" itemscope itemtype=\"http:\/\/schema.org\/ImageObject\"> <a href=\"https:\/\/itayachtscanada.com\/fr\/listing\/ferretti-custom-line-106-2023-10995000-usd-for-sale\/capture-decran-le-2024-09-03-a-14-26-28\/\" border=\"0\" itemprop=\"url\"> <meta itemprop=\"width\" content=\"229\"> <meta itemprop=\"height\" content=\"154\"> <img decoding=\"async\" class=\"\" data-attachment-id=\"175869\" data-orig-file=\"https:\/\/itayachtscanada.com\/wp-content\/uploads\/2024\/09\/Capture-decran-le-2024-09-03-a-14.26.28.jpg\" data-orig-size=\"1498,1006\" data-comments-opened=\"1\" data-image-meta=\"{&quot;aperture&quot;:&quot;0&quot;,&quot;credit&quot;:&quot;&quot;,&quot;camera&quot;:&quot;&quot;,&quot;caption&quot;:&quot;&quot;,&quot;created_timestamp&quot;:&quot;0&quot;,&quot;copyright&quot;:&quot;&quot;,&quot;focal_length&quot;:&quot;0&quot;,&quot;iso&quot;:&quot;0&quot;,&quot;shutter_speed&quot;:&quot;0&quot;,&quot;title&quot;:&quot;&quot;,&quot;orientation&quot;:&quot;0&quot;}\" data-image-title=\"Capture d\u2019e\u0301cran, le 2024-09-03 a\u0300 14.26.28\" data-image-description=\"\" data-medium-file=\"https:\/\/i0.wp.com\/itayachtscanada.com\/wp-content\/uploads\/2024\/09\/Capture-decran-le-2024-09-03-a-14.26.28.jpg?fit=300%2C201&#038;ssl=1\" data-large-file=\"https:\/\/i0.wp.com\/itayachtscanada.com\/wp-content\/uploads\/2024\/09\/Capture-decran-le-2024-09-03-a-14.26.28.jpg?fit=700%2C470&#038;ssl=1\" src=\"https:\/\/i0.wp.com\/itayachtscanada.com\/wp-content\/uploads\/2024\/09\/Capture-decran-le-2024-09-03-a-14.26.28.jpg?w=229&#038;h=154&#038;ssl=1\" srcset=\"https:\/\/i0.wp.com\/itayachtscanada.com\/wp-content\/uploads\/2024\/09\/Capture-decran-le-2024-09-03-a-14.26.28.jpg?w=1498&amp;ssl=1 1498w, https:\/\/i0.wp.com\/itayachtscanada.com\/wp-content\/uploads\/2024\/09\/Capture-decran-le-2024-09-03-a-14.26.28.jpg?resize=300%2C201&amp;ssl=1 300w, https:\/\/i0.wp.com\/itayachtscanada.com\/wp-content\/uploads\/2024\/09\/Capture-decran-le-2024-09-03-a-14.26.28.jpg?resize=1024%2C688&amp;ssl=1 1024w, https:\/\/i0.wp.com\/itayachtscanada.com\/wp-content\/uploads\/2024\/09\/Capture-decran-le-2024-09-03-a-14.26.28.jpg?resize=768%2C516&amp;ssl=1 768w, https:\/\/i0.wp.com\/itayachtscanada.com\/wp-content\/uploads\/2024\/09\/Capture-decran-le-2024-09-03-a-14.26.28.jpg?resize=700%2C470&amp;ssl=1 700w, https:\/\/i0.wp.com\/itayachtscanada.com\/wp-content\/uploads\/2024\/09\/Capture-decran-le-2024-09-03-a-14.26.28.jpg?resize=900%2C600&amp;ssl=1 900w, https:\/\/i0.wp.com\/itayachtscanada.com\/wp-content\/uploads\/2024\/09\/Capture-decran-le-2024-09-03-a-14.26.28.jpg?resize=596%2C400&amp;ssl=1 596w, https:\/\/i0.wp.com\/itayachtscanada.com\/wp-content\/uploads\/2024\/09\/Capture-decran-le-2024-09-03-a-14.26.28.jpg?w=1400&amp;ssl=1 1400w\" width=\"229\" height=\"154\" loading=\"lazy\" data-original-width=\"229\" data-original-height=\"154\" itemprop=\"http:\/\/schema.org\/image\" title=\"Capture d\u2019e\u0301cran, le 2024-09-03 a\u0300 14.26.28\" alt=\"Capture d\u2019e\u0301cran, le 2024-09-03 a\u0300 14.26.28\" style=\"width: 229px; height: 154px;\" \/> <\/a> <\/div> <div class=\"tiled-gallery-item tiled-gallery-item-small\" itemprop=\"associatedMedia\" itemscope itemtype=\"http:\/\/schema.org\/ImageObject\"> <a href=\"https:\/\/itayachtscanada.com\/fr\/listing\/ferretti-custom-line-106-2023-10995000-usd-for-sale\/capture-decran-le-2024-09-03-a-14-26-24\/\" border=\"0\" itemprop=\"url\"> <meta itemprop=\"width\" content=\"229\"> <meta itemprop=\"height\" content=\"153\"> <img decoding=\"async\" class=\"\" data-attachment-id=\"175870\" data-orig-file=\"https:\/\/itayachtscanada.com\/wp-content\/uploads\/2024\/09\/Capture-decran-le-2024-09-03-a-14.26.24.jpg\" data-orig-size=\"1498,1006\" data-comments-opened=\"1\" data-image-meta=\"{&quot;aperture&quot;:&quot;0&quot;,&quot;credit&quot;:&quot;&quot;,&quot;camera&quot;:&quot;&quot;,&quot;caption&quot;:&quot;&quot;,&quot;created_timestamp&quot;:&quot;0&quot;,&quot;copyright&quot;:&quot;&quot;,&quot;focal_length&quot;:&quot;0&quot;,&quot;iso&quot;:&quot;0&quot;,&quot;shutter_speed&quot;:&quot;0&quot;,&quot;title&quot;:&quot;&quot;,&quot;orientation&quot;:&quot;0&quot;}\" data-image-title=\"Capture d\u2019e\u0301cran, le 2024-09-03 a\u0300 14.26.24\" data-image-description=\"\" data-medium-file=\"https:\/\/i0.wp.com\/itayachtscanada.com\/wp-content\/uploads\/2024\/09\/Capture-decran-le-2024-09-03-a-14.26.24.jpg?fit=300%2C201&#038;ssl=1\" data-large-file=\"https:\/\/i0.wp.com\/itayachtscanada.com\/wp-content\/uploads\/2024\/09\/Capture-decran-le-2024-09-03-a-14.26.24.jpg?fit=700%2C470&#038;ssl=1\" src=\"https:\/\/i0.wp.com\/itayachtscanada.com\/wp-content\/uploads\/2024\/09\/Capture-decran-le-2024-09-03-a-14.26.24.jpg?w=229&#038;h=153&#038;ssl=1\" srcset=\"https:\/\/i0.wp.com\/itayachtscanada.com\/wp-content\/uploads\/2024\/09\/Capture-decran-le-2024-09-03-a-14.26.24.jpg?w=1498&amp;ssl=1 1498w, https:\/\/i0.wp.com\/itayachtscanada.com\/wp-content\/uploads\/2024\/09\/Capture-decran-le-2024-09-03-a-14.26.24.jpg?resize=300%2C201&amp;ssl=1 300w, https:\/\/i0.wp.com\/itayachtscanada.com\/wp-content\/uploads\/2024\/09\/Capture-decran-le-2024-09-03-a-14.26.24.jpg?resize=1024%2C688&amp;ssl=1 1024w, https:\/\/i0.wp.com\/itayachtscanada.com\/wp-content\/uploads\/2024\/09\/Capture-decran-le-2024-09-03-a-14.26.24.jpg?resize=768%2C516&amp;ssl=1 768w, https:\/\/i0.wp.com\/itayachtscanada.com\/wp-content\/uploads\/2024\/09\/Capture-decran-le-2024-09-03-a-14.26.24.jpg?resize=700%2C470&amp;ssl=1 700w, https:\/\/i0.wp.com\/itayachtscanada.com\/wp-content\/uploads\/2024\/09\/Capture-decran-le-2024-09-03-a-14.26.24.jpg?resize=900%2C600&amp;ssl=1 900w, https:\/\/i0.wp.com\/itayachtscanada.com\/wp-content\/uploads\/2024\/09\/Capture-decran-le-2024-09-03-a-14.26.24.jpg?resize=596%2C400&amp;ssl=1 596w, https:\/\/i0.wp.com\/itayachtscanada.com\/wp-content\/uploads\/2024\/09\/Capture-decran-le-2024-09-03-a-14.26.24.jpg?w=1400&amp;ssl=1 1400w\" width=\"229\" height=\"153\" loading=\"lazy\" data-original-width=\"229\" data-original-height=\"153\" itemprop=\"http:\/\/schema.org\/image\" title=\"Capture d\u2019e\u0301cran, le 2024-09-03 a\u0300 14.26.24\" alt=\"Capture d\u2019e\u0301cran, le 2024-09-03 a\u0300 14.26.24\" style=\"width: 229px; height: 153px;\" \/> <\/a> <\/div> <\/div> <!-- close group --> <div class=\"gallery-group images-1\" style=\"width: 467px; height: 315px;\" data-original-width=\"467\" data-original-height=\"315\" > <div class=\"tiled-gallery-item tiled-gallery-item-large\" itemprop=\"associatedMedia\" itemscope itemtype=\"http:\/\/schema.org\/ImageObject\"> <a href=\"https:\/\/itayachtscanada.com\/fr\/listing\/ferretti-custom-line-106-2023-10995000-usd-for-sale\/capture-decran-le-2024-09-03-a-14-26-21\/\" border=\"0\" itemprop=\"url\"> <meta itemprop=\"width\" content=\"463\"> <meta itemprop=\"height\" content=\"311\"> <img decoding=\"async\" class=\"\" data-attachment-id=\"175871\" data-orig-file=\"https:\/\/itayachtscanada.com\/wp-content\/uploads\/2024\/09\/Capture-decran-le-2024-09-03-a-14.26.21.jpg\" data-orig-size=\"1498,1006\" data-comments-opened=\"1\" data-image-meta=\"{&quot;aperture&quot;:&quot;0&quot;,&quot;credit&quot;:&quot;&quot;,&quot;camera&quot;:&quot;&quot;,&quot;caption&quot;:&quot;&quot;,&quot;created_timestamp&quot;:&quot;0&quot;,&quot;copyright&quot;:&quot;&quot;,&quot;focal_length&quot;:&quot;0&quot;,&quot;iso&quot;:&quot;0&quot;,&quot;shutter_speed&quot;:&quot;0&quot;,&quot;title&quot;:&quot;&quot;,&quot;orientation&quot;:&quot;0&quot;}\" data-image-title=\"Capture d\u2019e\u0301cran, le 2024-09-03 a\u0300 14.26.21\" data-image-description=\"\" data-medium-file=\"https:\/\/i0.wp.com\/itayachtscanada.com\/wp-content\/uploads\/2024\/09\/Capture-decran-le-2024-09-03-a-14.26.21.jpg?fit=300%2C201&#038;ssl=1\" data-large-file=\"https:\/\/i0.wp.com\/itayachtscanada.com\/wp-content\/uploads\/2024\/09\/Capture-decran-le-2024-09-03-a-14.26.21.jpg?fit=700%2C470&#038;ssl=1\" src=\"https:\/\/i0.wp.com\/itayachtscanada.com\/wp-content\/uploads\/2024\/09\/Capture-decran-le-2024-09-03-a-14.26.21.jpg?w=463&#038;h=311&#038;ssl=1\" srcset=\"https:\/\/i0.wp.com\/itayachtscanada.com\/wp-content\/uploads\/2024\/09\/Capture-decran-le-2024-09-03-a-14.26.21.jpg?w=1498&amp;ssl=1 1498w, https:\/\/i0.wp.com\/itayachtscanada.com\/wp-content\/uploads\/2024\/09\/Capture-decran-le-2024-09-03-a-14.26.21.jpg?resize=300%2C201&amp;ssl=1 300w, https:\/\/i0.wp.com\/itayachtscanada.com\/wp-content\/uploads\/2024\/09\/Capture-decran-le-2024-09-03-a-14.26.21.jpg?resize=1024%2C688&amp;ssl=1 1024w, https:\/\/i0.wp.com\/itayachtscanada.com\/wp-content\/uploads\/2024\/09\/Capture-decran-le-2024-09-03-a-14.26.21.jpg?resize=768%2C516&amp;ssl=1 768w, https:\/\/i0.wp.com\/itayachtscanada.com\/wp-content\/uploads\/2024\/09\/Capture-decran-le-2024-09-03-a-14.26.21.jpg?resize=700%2C470&amp;ssl=1 700w, https:\/\/i0.wp.com\/itayachtscanada.com\/wp-content\/uploads\/2024\/09\/Capture-decran-le-2024-09-03-a-14.26.21.jpg?resize=596%2C400&amp;ssl=1 596w, https:\/\/i0.wp.com\/itayachtscanada.com\/wp-content\/uploads\/2024\/09\/Capture-decran-le-2024-09-03-a-14.26.21.jpg?w=1400&amp;ssl=1 1400w\" width=\"463\" height=\"311\" loading=\"lazy\" data-original-width=\"463\" data-original-height=\"311\" itemprop=\"http:\/\/schema.org\/image\" title=\"Capture d\u2019e\u0301cran, le 2024-09-03 a\u0300 14.26.21\" alt=\"Capture d\u2019e\u0301cran, le 2024-09-03 a\u0300 14.26.21\" style=\"width: 463px; height: 311px;\" \/> <\/a> <\/div> <\/div> <!-- close group --> <\/div> <!-- close row --> <div class=\"gallery-row\" style=\"width: 700px; height: 326px;\" data-original-width=\"700\" data-original-height=\"326\" > <div class=\"gallery-group images-2\" style=\"width: 241px; height: 326px;\" data-original-width=\"241\" data-original-height=\"326\" > <div class=\"tiled-gallery-item tiled-gallery-item-small\" itemprop=\"associatedMedia\" itemscope itemtype=\"http:\/\/schema.org\/ImageObject\"> <a href=\"https:\/\/itayachtscanada.com\/fr\/listing\/ferretti-custom-line-106-2023-10995000-usd-for-sale\/capture-decran-le-2024-09-03-a-14-25-50\/\" border=\"0\" itemprop=\"url\"> <meta itemprop=\"width\" content=\"237\"> <meta itemprop=\"height\" content=\"159\"> <img decoding=\"async\" class=\"\" data-attachment-id=\"175872\" data-orig-file=\"https:\/\/itayachtscanada.com\/wp-content\/uploads\/2024\/09\/Capture-decran-le-2024-09-03-a-14.25.50.jpg\" data-orig-size=\"1498,1006\" data-comments-opened=\"1\" data-image-meta=\"{&quot;aperture&quot;:&quot;0&quot;,&quot;credit&quot;:&quot;&quot;,&quot;camera&quot;:&quot;&quot;,&quot;caption&quot;:&quot;&quot;,&quot;created_timestamp&quot;:&quot;0&quot;,&quot;copyright&quot;:&quot;&quot;,&quot;focal_length&quot;:&quot;0&quot;,&quot;iso&quot;:&quot;0&quot;,&quot;shutter_speed&quot;:&quot;0&quot;,&quot;title&quot;:&quot;&quot;,&quot;orientation&quot;:&quot;0&quot;}\" data-image-title=\"Capture d\u2019e\u0301cran, le 2024-09-03 a\u0300 14.25.50\" data-image-description=\"\" data-medium-file=\"https:\/\/i0.wp.com\/itayachtscanada.com\/wp-content\/uploads\/2024\/09\/Capture-decran-le-2024-09-03-a-14.25.50.jpg?fit=300%2C201&#038;ssl=1\" data-large-file=\"https:\/\/i0.wp.com\/itayachtscanada.com\/wp-content\/uploads\/2024\/09\/Capture-decran-le-2024-09-03-a-14.25.50.jpg?fit=700%2C470&#038;ssl=1\" src=\"https:\/\/i0.wp.com\/itayachtscanada.com\/wp-content\/uploads\/2024\/09\/Capture-decran-le-2024-09-03-a-14.25.50.jpg?w=237&#038;h=159&#038;ssl=1\" srcset=\"https:\/\/i0.wp.com\/itayachtscanada.com\/wp-content\/uploads\/2024\/09\/Capture-decran-le-2024-09-03-a-14.25.50.jpg?w=1498&amp;ssl=1 1498w, https:\/\/i0.wp.com\/itayachtscanada.com\/wp-content\/uploads\/2024\/09\/Capture-decran-le-2024-09-03-a-14.25.50.jpg?resize=300%2C201&amp;ssl=1 300w, https:\/\/i0.wp.com\/itayachtscanada.com\/wp-content\/uploads\/2024\/09\/Capture-decran-le-2024-09-03-a-14.25.50.jpg?resize=1024%2C688&amp;ssl=1 1024w, https:\/\/i0.wp.com\/itayachtscanada.com\/wp-content\/uploads\/2024\/09\/Capture-decran-le-2024-09-03-a-14.25.50.jpg?resize=768%2C516&amp;ssl=1 768w, https:\/\/i0.wp.com\/itayachtscanada.com\/wp-content\/uploads\/2024\/09\/Capture-decran-le-2024-09-03-a-14.25.50.jpg?resize=700%2C470&amp;ssl=1 700w, https:\/\/i0.wp.com\/itayachtscanada.com\/wp-content\/uploads\/2024\/09\/Capture-decran-le-2024-09-03-a-14.25.50.jpg?resize=900%2C600&amp;ssl=1 900w, https:\/\/i0.wp.com\/itayachtscanada.com\/wp-content\/uploads\/2024\/09\/Capture-decran-le-2024-09-03-a-14.25.50.jpg?resize=596%2C400&amp;ssl=1 596w, https:\/\/i0.wp.com\/itayachtscanada.com\/wp-content\/uploads\/2024\/09\/Capture-decran-le-2024-09-03-a-14.25.50.jpg?w=1400&amp;ssl=1 1400w\" width=\"237\" height=\"159\" loading=\"lazy\" data-original-width=\"237\" data-original-height=\"159\" itemprop=\"http:\/\/schema.org\/image\" title=\"Capture d\u2019e\u0301cran, le 2024-09-03 a\u0300 14.25.50\" alt=\"Capture d\u2019e\u0301cran, le 2024-09-03 a\u0300 14.25.50\" style=\"width: 237px; height: 159px;\" \/> <\/a> <\/div> <div class=\"tiled-gallery-item tiled-gallery-item-small\" itemprop=\"associatedMedia\" itemscope itemtype=\"http:\/\/schema.org\/ImageObject\"> <a href=\"https:\/\/itayachtscanada.com\/fr\/listing\/ferretti-custom-line-106-2023-10995000-usd-for-sale\/capture-decran-le-2024-09-03-a-14-25-42\/\" border=\"0\" itemprop=\"url\"> <meta itemprop=\"width\" content=\"237\"> <meta itemprop=\"height\" content=\"159\"> <img decoding=\"async\" class=\"\" data-attachment-id=\"175873\" data-orig-file=\"https:\/\/itayachtscanada.com\/wp-content\/uploads\/2024\/09\/Capture-decran-le-2024-09-03-a-14.25.42.jpg\" data-orig-size=\"1498,1006\" data-comments-opened=\"1\" data-image-meta=\"{&quot;aperture&quot;:&quot;0&quot;,&quot;credit&quot;:&quot;&quot;,&quot;camera&quot;:&quot;&quot;,&quot;caption&quot;:&quot;&quot;,&quot;created_timestamp&quot;:&quot;0&quot;,&quot;copyright&quot;:&quot;&quot;,&quot;focal_length&quot;:&quot;0&quot;,&quot;iso&quot;:&quot;0&quot;,&quot;shutter_speed&quot;:&quot;0&quot;,&quot;title&quot;:&quot;&quot;,&quot;orientation&quot;:&quot;0&quot;}\" data-image-title=\"Capture d\u2019e\u0301cran, le 2024-09-03 a\u0300 14.25.42\" data-image-description=\"\" data-medium-file=\"https:\/\/i0.wp.com\/itayachtscanada.com\/wp-content\/uploads\/2024\/09\/Capture-decran-le-2024-09-03-a-14.25.42.jpg?fit=300%2C201&#038;ssl=1\" data-large-file=\"https:\/\/i0.wp.com\/itayachtscanada.com\/wp-content\/uploads\/2024\/09\/Capture-decran-le-2024-09-03-a-14.25.42.jpg?fit=700%2C470&#038;ssl=1\" src=\"https:\/\/i0.wp.com\/itayachtscanada.com\/wp-content\/uploads\/2024\/09\/Capture-decran-le-2024-09-03-a-14.25.42.jpg?w=237&#038;h=159&#038;ssl=1\" srcset=\"https:\/\/i0.wp.com\/itayachtscanada.com\/wp-content\/uploads\/2024\/09\/Capture-decran-le-2024-09-03-a-14.25.42.jpg?w=1498&amp;ssl=1 1498w, https:\/\/i0.wp.com\/itayachtscanada.com\/wp-content\/uploads\/2024\/09\/Capture-decran-le-2024-09-03-a-14.25.42.jpg?resize=300%2C201&amp;ssl=1 300w, https:\/\/i0.wp.com\/itayachtscanada.com\/wp-content\/uploads\/2024\/09\/Capture-decran-le-2024-09-03-a-14.25.42.jpg?resize=1024%2C688&amp;ssl=1 1024w, https:\/\/i0.wp.com\/itayachtscanada.com\/wp-content\/uploads\/2024\/09\/Capture-decran-le-2024-09-03-a-14.25.42.jpg?resize=768%2C516&amp;ssl=1 768w, https:\/\/i0.wp.com\/itayachtscanada.com\/wp-content\/uploads\/2024\/09\/Capture-decran-le-2024-09-03-a-14.25.42.jpg?resize=700%2C470&amp;ssl=1 700w, https:\/\/i0.wp.com\/itayachtscanada.com\/wp-content\/uploads\/2024\/09\/Capture-decran-le-2024-09-03-a-14.25.42.jpg?resize=900%2C600&amp;ssl=1 900w, https:\/\/i0.wp.com\/itayachtscanada.com\/wp-content\/uploads\/2024\/09\/Capture-decran-le-2024-09-03-a-14.25.42.jpg?resize=596%2C400&amp;ssl=1 596w, https:\/\/i0.wp.com\/itayachtscanada.com\/wp-content\/uploads\/2024\/09\/Capture-decran-le-2024-09-03-a-14.25.42.jpg?w=1400&amp;ssl=1 1400w\" width=\"237\" height=\"159\" loading=\"lazy\" data-original-width=\"237\" data-original-height=\"159\" itemprop=\"http:\/\/schema.org\/image\" title=\"Capture d\u2019e\u0301cran, le 2024-09-03 a\u0300 14.25.42\" alt=\"Capture d\u2019e\u0301cran, le 2024-09-03 a\u0300 14.25.42\" style=\"width: 237px; height: 159px;\" \/> <\/a> <\/div> <\/div> <!-- close group --> <div class=\"gallery-group images-1\" style=\"width: 218px; height: 326px;\" data-original-width=\"218\" data-original-height=\"326\" > <div class=\"tiled-gallery-item tiled-gallery-item-small\" itemprop=\"associatedMedia\" itemscope itemtype=\"http:\/\/schema.org\/ImageObject\"> <a href=\"https:\/\/itayachtscanada.com\/fr\/listing\/ferretti-custom-line-106-2023-10995000-usd-for-sale\/capture-decran-le-2024-09-03-a-14-25-34\/\" border=\"0\" itemprop=\"url\"> <meta itemprop=\"width\" content=\"214\"> <meta itemprop=\"height\" content=\"322\"> <img decoding=\"async\" class=\"\" data-attachment-id=\"175874\" data-orig-file=\"https:\/\/itayachtscanada.com\/wp-content\/uploads\/2024\/09\/Capture-decran-le-2024-09-03-a-14.25.34.jpg\" data-orig-size=\"668,1006\" data-comments-opened=\"1\" data-image-meta=\"{&quot;aperture&quot;:&quot;0&quot;,&quot;credit&quot;:&quot;&quot;,&quot;camera&quot;:&quot;&quot;,&quot;caption&quot;:&quot;&quot;,&quot;created_timestamp&quot;:&quot;0&quot;,&quot;copyright&quot;:&quot;&quot;,&quot;focal_length&quot;:&quot;0&quot;,&quot;iso&quot;:&quot;0&quot;,&quot;shutter_speed&quot;:&quot;0&quot;,&quot;title&quot;:&quot;&quot;,&quot;orientation&quot;:&quot;0&quot;}\" data-image-title=\"Capture d\u2019e\u0301cran, le 2024-09-03 a\u0300 14.25.34\" data-image-description=\"\" data-medium-file=\"https:\/\/i0.wp.com\/itayachtscanada.com\/wp-content\/uploads\/2024\/09\/Capture-decran-le-2024-09-03-a-14.25.34.jpg?fit=199%2C300&#038;ssl=1\" data-large-file=\"https:\/\/i0.wp.com\/itayachtscanada.com\/wp-content\/uploads\/2024\/09\/Capture-decran-le-2024-09-03-a-14.25.34.jpg?fit=668%2C1006&#038;ssl=1\" src=\"https:\/\/i0.wp.com\/itayachtscanada.com\/wp-content\/uploads\/2024\/09\/Capture-decran-le-2024-09-03-a-14.25.34.jpg?w=214&#038;h=322&#038;ssl=1\" srcset=\"https:\/\/i0.wp.com\/itayachtscanada.com\/wp-content\/uploads\/2024\/09\/Capture-decran-le-2024-09-03-a-14.25.34.jpg?w=668&amp;ssl=1 668w, https:\/\/i0.wp.com\/itayachtscanada.com\/wp-content\/uploads\/2024\/09\/Capture-decran-le-2024-09-03-a-14.25.34.jpg?resize=199%2C300&amp;ssl=1 199w, https:\/\/i0.wp.com\/itayachtscanada.com\/wp-content\/uploads\/2024\/09\/Capture-decran-le-2024-09-03-a-14.25.34.jpg?resize=266%2C400&amp;ssl=1 266w\" width=\"214\" height=\"322\" loading=\"lazy\" data-original-width=\"214\" data-original-height=\"322\" itemprop=\"http:\/\/schema.org\/image\" title=\"Capture d\u2019e\u0301cran, le 2024-09-03 a\u0300 14.25.34\" alt=\"Capture d\u2019e\u0301cran, le 2024-09-03 a\u0300 14.25.34\" style=\"width: 214px; height: 322px;\" \/> <\/a> <\/div> <\/div> <!-- close group --> <div class=\"gallery-group images-2\" style=\"width: 241px; height: 326px;\" data-original-width=\"241\" data-original-height=\"326\" > <div class=\"tiled-gallery-item tiled-gallery-item-small\" itemprop=\"associatedMedia\" itemscope itemtype=\"http:\/\/schema.org\/ImageObject\"> <a href=\"https:\/\/itayachtscanada.com\/fr\/listing\/ferretti-custom-line-106-2023-10995000-usd-for-sale\/capture-decran-le-2024-09-03-a-14-25-25\/\" border=\"0\" itemprop=\"url\"> <meta itemprop=\"width\" content=\"237\"> <meta itemprop=\"height\" content=\"159\"> <img decoding=\"async\" class=\"\" data-attachment-id=\"175875\" data-orig-file=\"https:\/\/itayachtscanada.com\/wp-content\/uploads\/2024\/09\/Capture-decran-le-2024-09-03-a-14.25.25.jpg\" data-orig-size=\"1500,1006\" data-comments-opened=\"1\" data-image-meta=\"{&quot;aperture&quot;:&quot;0&quot;,&quot;credit&quot;:&quot;&quot;,&quot;camera&quot;:&quot;&quot;,&quot;caption&quot;:&quot;&quot;,&quot;created_timestamp&quot;:&quot;0&quot;,&quot;copyright&quot;:&quot;&quot;,&quot;focal_length&quot;:&quot;0&quot;,&quot;iso&quot;:&quot;0&quot;,&quot;shutter_speed&quot;:&quot;0&quot;,&quot;title&quot;:&quot;&quot;,&quot;orientation&quot;:&quot;0&quot;}\" data-image-title=\"Capture d\u2019e\u0301cran, le 2024-09-03 a\u0300 14.25.25\" data-image-description=\"\" data-medium-file=\"https:\/\/i0.wp.com\/itayachtscanada.com\/wp-content\/uploads\/2024\/09\/Capture-decran-le-2024-09-03-a-14.25.25.jpg?fit=300%2C201&#038;ssl=1\" data-large-file=\"https:\/\/i0.wp.com\/itayachtscanada.com\/wp-content\/uploads\/2024\/09\/Capture-decran-le-2024-09-03-a-14.25.25.jpg?fit=700%2C470&#038;ssl=1\" src=\"https:\/\/i0.wp.com\/itayachtscanada.com\/wp-content\/uploads\/2024\/09\/Capture-decran-le-2024-09-03-a-14.25.25.jpg?w=237&#038;h=159&#038;ssl=1\" srcset=\"https:\/\/i0.wp.com\/itayachtscanada.com\/wp-content\/uploads\/2024\/09\/Capture-decran-le-2024-09-03-a-14.25.25.jpg?w=1500&amp;ssl=1 1500w, https:\/\/i0.wp.com\/itayachtscanada.com\/wp-content\/uploads\/2024\/09\/Capture-decran-le-2024-09-03-a-14.25.25.jpg?resize=300%2C201&amp;ssl=1 300w, https:\/\/i0.wp.com\/itayachtscanada.com\/wp-content\/uploads\/2024\/09\/Capture-decran-le-2024-09-03-a-14.25.25.jpg?resize=1024%2C687&amp;ssl=1 1024w, https:\/\/i0.wp.com\/itayachtscanada.com\/wp-content\/uploads\/2024\/09\/Capture-decran-le-2024-09-03-a-14.25.25.jpg?resize=768%2C515&amp;ssl=1 768w, https:\/\/i0.wp.com\/itayachtscanada.com\/wp-content\/uploads\/2024\/09\/Capture-decran-le-2024-09-03-a-14.25.25.jpg?resize=700%2C469&amp;ssl=1 700w, https:\/\/i0.wp.com\/itayachtscanada.com\/wp-content\/uploads\/2024\/09\/Capture-decran-le-2024-09-03-a-14.25.25.jpg?resize=900%2C600&amp;ssl=1 900w, https:\/\/i0.wp.com\/itayachtscanada.com\/wp-content\/uploads\/2024\/09\/Capture-decran-le-2024-09-03-a-14.25.25.jpg?resize=596%2C400&amp;ssl=1 596w, https:\/\/i0.wp.com\/itayachtscanada.com\/wp-content\/uploads\/2024\/09\/Capture-decran-le-2024-09-03-a-14.25.25.jpg?w=1400&amp;ssl=1 1400w\" width=\"237\" height=\"159\" loading=\"lazy\" data-original-width=\"237\" data-original-height=\"159\" itemprop=\"http:\/\/schema.org\/image\" title=\"Capture d\u2019e\u0301cran, le 2024-09-03 a\u0300 14.25.25\" alt=\"Capture d\u2019e\u0301cran, le 2024-09-03 a\u0300 14.25.25\" style=\"width: 237px; height: 159px;\" \/> <\/a> <\/div> <div class=\"tiled-gallery-item tiled-gallery-item-small\" itemprop=\"associatedMedia\" itemscope itemtype=\"http:\/\/schema.org\/ImageObject\"> <a href=\"https:\/\/itayachtscanada.com\/fr\/listing\/ferretti-custom-line-106-2023-10995000-usd-for-sale\/capture-decran-le-2024-09-03-a-14-25-21\/\" border=\"0\" itemprop=\"url\"> <meta itemprop=\"width\" content=\"237\"> <meta itemprop=\"height\" content=\"159\"> <img decoding=\"async\" class=\"\" data-attachment-id=\"175876\" data-orig-file=\"https:\/\/itayachtscanada.com\/wp-content\/uploads\/2024\/09\/Capture-decran-le-2024-09-03-a-14.25.21.jpg\" data-orig-size=\"1500,1006\" data-comments-opened=\"1\" data-image-meta=\"{&quot;aperture&quot;:&quot;0&quot;,&quot;credit&quot;:&quot;&quot;,&quot;camera&quot;:&quot;&quot;,&quot;caption&quot;:&quot;&quot;,&quot;created_timestamp&quot;:&quot;0&quot;,&quot;copyright&quot;:&quot;&quot;,&quot;focal_length&quot;:&quot;0&quot;,&quot;iso&quot;:&quot;0&quot;,&quot;shutter_speed&quot;:&quot;0&quot;,&quot;title&quot;:&quot;&quot;,&quot;orientation&quot;:&quot;0&quot;}\" data-image-title=\"Capture d\u2019e\u0301cran, le 2024-09-03 a\u0300 14.25.21\" data-image-description=\"\" data-medium-file=\"https:\/\/i0.wp.com\/itayachtscanada.com\/wp-content\/uploads\/2024\/09\/Capture-decran-le-2024-09-03-a-14.25.21.jpg?fit=300%2C201&#038;ssl=1\" data-large-file=\"https:\/\/i0.wp.com\/itayachtscanada.com\/wp-content\/uploads\/2024\/09\/Capture-decran-le-2024-09-03-a-14.25.21.jpg?fit=700%2C470&#038;ssl=1\" src=\"https:\/\/i0.wp.com\/itayachtscanada.com\/wp-content\/uploads\/2024\/09\/Capture-decran-le-2024-09-03-a-14.25.21.jpg?w=237&#038;h=159&#038;ssl=1\" srcset=\"https:\/\/i0.wp.com\/itayachtscanada.com\/wp-content\/uploads\/2024\/09\/Capture-decran-le-2024-09-03-a-14.25.21.jpg?w=1500&amp;ssl=1 1500w, https:\/\/i0.wp.com\/itayachtscanada.com\/wp-content\/uploads\/2024\/09\/Capture-decran-le-2024-09-03-a-14.25.21.jpg?resize=300%2C201&amp;ssl=1 300w, https:\/\/i0.wp.com\/itayachtscanada.com\/wp-content\/uploads\/2024\/09\/Capture-decran-le-2024-09-03-a-14.25.21.jpg?resize=1024%2C687&amp;ssl=1 1024w, https:\/\/i0.wp.com\/itayachtscanada.com\/wp-content\/uploads\/2024\/09\/Capture-decran-le-2024-09-03-a-14.25.21.jpg?resize=768%2C515&amp;ssl=1 768w, https:\/\/i0.wp.com\/itayachtscanada.com\/wp-content\/uploads\/2024\/09\/Capture-decran-le-2024-09-03-a-14.25.21.jpg?resize=700%2C469&amp;ssl=1 700w, https:\/\/i0.wp.com\/itayachtscanada.com\/wp-content\/uploads\/2024\/09\/Capture-decran-le-2024-09-03-a-14.25.21.jpg?resize=900%2C600&amp;ssl=1 900w, https:\/\/i0.wp.com\/itayachtscanada.com\/wp-content\/uploads\/2024\/09\/Capture-decran-le-2024-09-03-a-14.25.21.jpg?resize=596%2C400&amp;ssl=1 596w, https:\/\/i0.wp.com\/itayachtscanada.com\/wp-content\/uploads\/2024\/09\/Capture-decran-le-2024-09-03-a-14.25.21.jpg?w=1400&amp;ssl=1 1400w\" width=\"237\" height=\"159\" loading=\"lazy\" data-original-width=\"237\" data-original-height=\"159\" itemprop=\"http:\/\/schema.org\/image\" title=\"Capture d\u2019e\u0301cran, le 2024-09-03 a\u0300 14.25.21\" alt=\"Capture d\u2019e\u0301cran, le 2024-09-03 a\u0300 14.25.21\" style=\"width: 237px; height: 159px;\" \/> <\/a> <\/div> <\/div> <!-- close group --> <\/div> <!-- close row --> <div class=\"gallery-row\" style=\"width: 700px; height: 315px;\" data-original-width=\"700\" data-original-height=\"315\" > <div class=\"gallery-group images-1\" style=\"width: 467px; height: 315px;\" data-original-width=\"467\" data-original-height=\"315\" > <div class=\"tiled-gallery-item tiled-gallery-item-large\" itemprop=\"associatedMedia\" itemscope itemtype=\"http:\/\/schema.org\/ImageObject\"> <a href=\"https:\/\/itayachtscanada.com\/fr\/listing\/ferretti-custom-line-106-2023-10995000-usd-for-sale\/capture-decran-le-2024-09-03-a-14-25-17\/\" border=\"0\" itemprop=\"url\"> <meta itemprop=\"width\" content=\"463\"> <meta itemprop=\"height\" content=\"311\"> <img decoding=\"async\" class=\"\" data-attachment-id=\"175877\" data-orig-file=\"https:\/\/itayachtscanada.com\/wp-content\/uploads\/2024\/09\/Capture-decran-le-2024-09-03-a-14.25.17.jpg\" data-orig-size=\"1500,1006\" data-comments-opened=\"1\" data-image-meta=\"{&quot;aperture&quot;:&quot;0&quot;,&quot;credit&quot;:&quot;&quot;,&quot;camera&quot;:&quot;&quot;,&quot;caption&quot;:&quot;&quot;,&quot;created_timestamp&quot;:&quot;0&quot;,&quot;copyright&quot;:&quot;&quot;,&quot;focal_length&quot;:&quot;0&quot;,&quot;iso&quot;:&quot;0&quot;,&quot;shutter_speed&quot;:&quot;0&quot;,&quot;title&quot;:&quot;&quot;,&quot;orientation&quot;:&quot;0&quot;}\" data-image-title=\"Capture d\u2019e\u0301cran, le 2024-09-03 a\u0300 14.25.17\" data-image-description=\"\" data-medium-file=\"https:\/\/i0.wp.com\/itayachtscanada.com\/wp-content\/uploads\/2024\/09\/Capture-decran-le-2024-09-03-a-14.25.17.jpg?fit=300%2C201&#038;ssl=1\" data-large-file=\"https:\/\/i0.wp.com\/itayachtscanada.com\/wp-content\/uploads\/2024\/09\/Capture-decran-le-2024-09-03-a-14.25.17.jpg?fit=700%2C470&#038;ssl=1\" src=\"https:\/\/i0.wp.com\/itayachtscanada.com\/wp-content\/uploads\/2024\/09\/Capture-decran-le-2024-09-03-a-14.25.17.jpg?w=463&#038;h=311&#038;ssl=1\" srcset=\"https:\/\/i0.wp.com\/itayachtscanada.com\/wp-content\/uploads\/2024\/09\/Capture-decran-le-2024-09-03-a-14.25.17.jpg?w=1500&amp;ssl=1 1500w, https:\/\/i0.wp.com\/itayachtscanada.com\/wp-content\/uploads\/2024\/09\/Capture-decran-le-2024-09-03-a-14.25.17.jpg?resize=300%2C201&amp;ssl=1 300w, https:\/\/i0.wp.com\/itayachtscanada.com\/wp-content\/uploads\/2024\/09\/Capture-decran-le-2024-09-03-a-14.25.17.jpg?resize=1024%2C687&amp;ssl=1 1024w, https:\/\/i0.wp.com\/itayachtscanada.com\/wp-content\/uploads\/2024\/09\/Capture-decran-le-2024-09-03-a-14.25.17.jpg?resize=768%2C515&amp;ssl=1 768w, https:\/\/i0.wp.com\/itayachtscanada.com\/wp-content\/uploads\/2024\/09\/Capture-decran-le-2024-09-03-a-14.25.17.jpg?resize=700%2C469&amp;ssl=1 700w, https:\/\/i0.wp.com\/itayachtscanada.com\/wp-content\/uploads\/2024\/09\/Capture-decran-le-2024-09-03-a-14.25.17.jpg?resize=596%2C400&amp;ssl=1 596w, https:\/\/i0.wp.com\/itayachtscanada.com\/wp-content\/uploads\/2024\/09\/Capture-decran-le-2024-09-03-a-14.25.17.jpg?w=1400&amp;ssl=1 1400w\" width=\"463\" height=\"311\" loading=\"lazy\" data-original-width=\"463\" data-original-height=\"311\" itemprop=\"http:\/\/schema.org\/image\" title=\"Capture d\u2019e\u0301cran, le 2024-09-03 a\u0300 14.25.17\" alt=\"Capture d\u2019e\u0301cran, le 2024-09-03 a\u0300 14.25.17\" style=\"width: 463px; height: 311px;\" \/> <\/a> <\/div> <\/div> <!-- close group --> <div class=\"gallery-group images-2\" style=\"width: 233px; height: 315px;\" data-original-width=\"233\" data-original-height=\"315\" > <div class=\"tiled-gallery-item tiled-gallery-item-small\" itemprop=\"associatedMedia\" itemscope itemtype=\"http:\/\/schema.org\/ImageObject\"> <a href=\"https:\/\/itayachtscanada.com\/fr\/listing\/ferretti-custom-line-106-2023-10995000-usd-for-sale\/capture-decran-le-2024-09-03-a-14-25-14\/\" border=\"0\" itemprop=\"url\"> <meta itemprop=\"width\" content=\"229\"> <meta itemprop=\"height\" content=\"154\"> <img decoding=\"async\" class=\"\" data-attachment-id=\"175878\" data-orig-file=\"https:\/\/itayachtscanada.com\/wp-content\/uploads\/2024\/09\/Capture-decran-le-2024-09-03-a-14.25.14.jpg\" data-orig-size=\"1500,1006\" data-comments-opened=\"1\" data-image-meta=\"{&quot;aperture&quot;:&quot;0&quot;,&quot;credit&quot;:&quot;&quot;,&quot;camera&quot;:&quot;&quot;,&quot;caption&quot;:&quot;&quot;,&quot;created_timestamp&quot;:&quot;0&quot;,&quot;copyright&quot;:&quot;&quot;,&quot;focal_length&quot;:&quot;0&quot;,&quot;iso&quot;:&quot;0&quot;,&quot;shutter_speed&quot;:&quot;0&quot;,&quot;title&quot;:&quot;&quot;,&quot;orientation&quot;:&quot;0&quot;}\" data-image-title=\"Capture d\u2019e\u0301cran, le 2024-09-03 a\u0300 14.25.14\" data-image-description=\"\" data-medium-file=\"https:\/\/i0.wp.com\/itayachtscanada.com\/wp-content\/uploads\/2024\/09\/Capture-decran-le-2024-09-03-a-14.25.14.jpg?fit=300%2C201&#038;ssl=1\" data-large-file=\"https:\/\/i0.wp.com\/itayachtscanada.com\/wp-content\/uploads\/2024\/09\/Capture-decran-le-2024-09-03-a-14.25.14.jpg?fit=700%2C470&#038;ssl=1\" src=\"https:\/\/i0.wp.com\/itayachtscanada.com\/wp-content\/uploads\/2024\/09\/Capture-decran-le-2024-09-03-a-14.25.14.jpg?w=229&#038;h=154&#038;ssl=1\" srcset=\"https:\/\/i0.wp.com\/itayachtscanada.com\/wp-content\/uploads\/2024\/09\/Capture-decran-le-2024-09-03-a-14.25.14.jpg?w=1500&amp;ssl=1 1500w, https:\/\/i0.wp.com\/itayachtscanada.com\/wp-content\/uploads\/2024\/09\/Capture-decran-le-2024-09-03-a-14.25.14.jpg?resize=300%2C201&amp;ssl=1 300w, https:\/\/i0.wp.com\/itayachtscanada.com\/wp-content\/uploads\/2024\/09\/Capture-decran-le-2024-09-03-a-14.25.14.jpg?resize=1024%2C687&amp;ssl=1 1024w, https:\/\/i0.wp.com\/itayachtscanada.com\/wp-content\/uploads\/2024\/09\/Capture-decran-le-2024-09-03-a-14.25.14.jpg?resize=768%2C515&amp;ssl=1 768w, https:\/\/i0.wp.com\/itayachtscanada.com\/wp-content\/uploads\/2024\/09\/Capture-decran-le-2024-09-03-a-14.25.14.jpg?resize=700%2C469&amp;ssl=1 700w, https:\/\/i0.wp.com\/itayachtscanada.com\/wp-content\/uploads\/2024\/09\/Capture-decran-le-2024-09-03-a-14.25.14.jpg?resize=900%2C600&amp;ssl=1 900w, https:\/\/i0.wp.com\/itayachtscanada.com\/wp-content\/uploads\/2024\/09\/Capture-decran-le-2024-09-03-a-14.25.14.jpg?resize=596%2C400&amp;ssl=1 596w, https:\/\/i0.wp.com\/itayachtscanada.com\/wp-content\/uploads\/2024\/09\/Capture-decran-le-2024-09-03-a-14.25.14.jpg?w=1400&amp;ssl=1 1400w\" width=\"229\" height=\"154\" loading=\"lazy\" data-original-width=\"229\" data-original-height=\"154\" itemprop=\"http:\/\/schema.org\/image\" title=\"Capture d\u2019e\u0301cran, le 2024-09-03 a\u0300 14.25.14\" alt=\"Capture d\u2019e\u0301cran, le 2024-09-03 a\u0300 14.25.14\" style=\"width: 229px; height: 154px;\" \/> <\/a> <\/div> <div class=\"tiled-gallery-item tiled-gallery-item-small\" itemprop=\"associatedMedia\" itemscope itemtype=\"http:\/\/schema.org\/ImageObject\"> <a href=\"https:\/\/itayachtscanada.com\/fr\/listing\/ferretti-custom-line-106-2023-10995000-usd-for-sale\/capture-decran-le-2024-09-03-a-14-25-09\/\" border=\"0\" itemprop=\"url\"> <meta itemprop=\"width\" content=\"229\"> <meta itemprop=\"height\" content=\"153\"> <img decoding=\"async\" class=\"\" data-attachment-id=\"175879\" data-orig-file=\"https:\/\/itayachtscanada.com\/wp-content\/uploads\/2024\/09\/Capture-decran-le-2024-09-03-a-14.25.09.jpg\" data-orig-size=\"1500,1006\" data-comments-opened=\"1\" data-image-meta=\"{&quot;aperture&quot;:&quot;0&quot;,&quot;credit&quot;:&quot;&quot;,&quot;camera&quot;:&quot;&quot;,&quot;caption&quot;:&quot;&quot;,&quot;created_timestamp&quot;:&quot;0&quot;,&quot;copyright&quot;:&quot;&quot;,&quot;focal_length&quot;:&quot;0&quot;,&quot;iso&quot;:&quot;0&quot;,&quot;shutter_speed&quot;:&quot;0&quot;,&quot;title&quot;:&quot;&quot;,&quot;orientation&quot;:&quot;0&quot;}\" data-image-title=\"Capture d\u2019e\u0301cran, le 2024-09-03 a\u0300 14.25.09\" data-image-description=\"\" data-medium-file=\"https:\/\/i0.wp.com\/itayachtscanada.com\/wp-content\/uploads\/2024\/09\/Capture-decran-le-2024-09-03-a-14.25.09.jpg?fit=300%2C201&#038;ssl=1\" data-large-file=\"https:\/\/i0.wp.com\/itayachtscanada.com\/wp-content\/uploads\/2024\/09\/Capture-decran-le-2024-09-03-a-14.25.09.jpg?fit=700%2C470&#038;ssl=1\" src=\"https:\/\/i0.wp.com\/itayachtscanada.com\/wp-content\/uploads\/2024\/09\/Capture-decran-le-2024-09-03-a-14.25.09.jpg?w=229&#038;h=153&#038;ssl=1\" srcset=\"https:\/\/i0.wp.com\/itayachtscanada.com\/wp-content\/uploads\/2024\/09\/Capture-decran-le-2024-09-03-a-14.25.09.jpg?w=1500&amp;ssl=1 1500w, https:\/\/i0.wp.com\/itayachtscanada.com\/wp-content\/uploads\/2024\/09\/Capture-decran-le-2024-09-03-a-14.25.09.jpg?resize=300%2C201&amp;ssl=1 300w, https:\/\/i0.wp.com\/itayachtscanada.com\/wp-content\/uploads\/2024\/09\/Capture-decran-le-2024-09-03-a-14.25.09.jpg?resize=1024%2C687&amp;ssl=1 1024w, https:\/\/i0.wp.com\/itayachtscanada.com\/wp-content\/uploads\/2024\/09\/Capture-decran-le-2024-09-03-a-14.25.09.jpg?resize=768%2C515&amp;ssl=1 768w, https:\/\/i0.wp.com\/itayachtscanada.com\/wp-content\/uploads\/2024\/09\/Capture-decran-le-2024-09-03-a-14.25.09.jpg?resize=700%2C469&amp;ssl=1 700w, https:\/\/i0.wp.com\/itayachtscanada.com\/wp-content\/uploads\/2024\/09\/Capture-decran-le-2024-09-03-a-14.25.09.jpg?resize=900%2C600&amp;ssl=1 900w, https:\/\/i0.wp.com\/itayachtscanada.com\/wp-content\/uploads\/2024\/09\/Capture-decran-le-2024-09-03-a-14.25.09.jpg?resize=596%2C400&amp;ssl=1 596w, https:\/\/i0.wp.com\/itayachtscanada.com\/wp-content\/uploads\/2024\/09\/Capture-decran-le-2024-09-03-a-14.25.09.jpg?w=1400&amp;ssl=1 1400w\" width=\"229\" height=\"153\" loading=\"lazy\" data-original-width=\"229\" data-original-height=\"153\" itemprop=\"http:\/\/schema.org\/image\" title=\"Capture d\u2019e\u0301cran, le 2024-09-03 a\u0300 14.25.09\" alt=\"Capture d\u2019e\u0301cran, le 2024-09-03 a\u0300 14.25.09\" style=\"width: 229px; height: 153px;\" \/> <\/a> <\/div> <\/div> <!-- close group --> <\/div> <!-- close row --> <div class=\"gallery-row\" style=\"width: 700px; height: 325px;\" data-original-width=\"700\" data-original-height=\"325\" > <div class=\"gallery-group images-1\" style=\"width: 482px; height: 325px;\" data-original-width=\"482\" data-original-height=\"325\" > <div class=\"tiled-gallery-item tiled-gallery-item-large\" itemprop=\"associatedMedia\" itemscope itemtype=\"http:\/\/schema.org\/ImageObject\"> <a href=\"https:\/\/itayachtscanada.com\/fr\/listing\/ferretti-custom-line-106-2023-10995000-usd-for-sale\/capture-decran-le-2024-09-03-a-14-25-01\/\" border=\"0\" itemprop=\"url\"> <meta itemprop=\"width\" content=\"478\"> <meta itemprop=\"height\" content=\"321\"> <img decoding=\"async\" class=\"\" data-attachment-id=\"175880\" data-orig-file=\"https:\/\/itayachtscanada.com\/wp-content\/uploads\/2024\/09\/Capture-decran-le-2024-09-03-a-14.25.01.jpg\" data-orig-size=\"1500,1006\" data-comments-opened=\"1\" data-image-meta=\"{&quot;aperture&quot;:&quot;0&quot;,&quot;credit&quot;:&quot;&quot;,&quot;camera&quot;:&quot;&quot;,&quot;caption&quot;:&quot;&quot;,&quot;created_timestamp&quot;:&quot;0&quot;,&quot;copyright&quot;:&quot;&quot;,&quot;focal_length&quot;:&quot;0&quot;,&quot;iso&quot;:&quot;0&quot;,&quot;shutter_speed&quot;:&quot;0&quot;,&quot;title&quot;:&quot;&quot;,&quot;orientation&quot;:&quot;0&quot;}\" data-image-title=\"Capture d\u2019e\u0301cran, le 2024-09-03 a\u0300 14.25.01\" data-image-description=\"\" data-medium-file=\"https:\/\/i0.wp.com\/itayachtscanada.com\/wp-content\/uploads\/2024\/09\/Capture-decran-le-2024-09-03-a-14.25.01.jpg?fit=300%2C201&#038;ssl=1\" data-large-file=\"https:\/\/i0.wp.com\/itayachtscanada.com\/wp-content\/uploads\/2024\/09\/Capture-decran-le-2024-09-03-a-14.25.01.jpg?fit=700%2C470&#038;ssl=1\" src=\"https:\/\/i0.wp.com\/itayachtscanada.com\/wp-content\/uploads\/2024\/09\/Capture-decran-le-2024-09-03-a-14.25.01.jpg?w=478&#038;h=321&#038;ssl=1\" srcset=\"https:\/\/i0.wp.com\/itayachtscanada.com\/wp-content\/uploads\/2024\/09\/Capture-decran-le-2024-09-03-a-14.25.01.jpg?w=1500&amp;ssl=1 1500w, https:\/\/i0.wp.com\/itayachtscanada.com\/wp-content\/uploads\/2024\/09\/Capture-decran-le-2024-09-03-a-14.25.01.jpg?resize=300%2C201&amp;ssl=1 300w, https:\/\/i0.wp.com\/itayachtscanada.com\/wp-content\/uploads\/2024\/09\/Capture-decran-le-2024-09-03-a-14.25.01.jpg?resize=1024%2C687&amp;ssl=1 1024w, https:\/\/i0.wp.com\/itayachtscanada.com\/wp-content\/uploads\/2024\/09\/Capture-decran-le-2024-09-03-a-14.25.01.jpg?resize=768%2C515&amp;ssl=1 768w, https:\/\/i0.wp.com\/itayachtscanada.com\/wp-content\/uploads\/2024\/09\/Capture-decran-le-2024-09-03-a-14.25.01.jpg?resize=700%2C469&amp;ssl=1 700w, https:\/\/i0.wp.com\/itayachtscanada.com\/wp-content\/uploads\/2024\/09\/Capture-decran-le-2024-09-03-a-14.25.01.jpg?resize=596%2C400&amp;ssl=1 596w, https:\/\/i0.wp.com\/itayachtscanada.com\/wp-content\/uploads\/2024\/09\/Capture-decran-le-2024-09-03-a-14.25.01.jpg?w=1400&amp;ssl=1 1400w\" width=\"478\" height=\"321\" loading=\"lazy\" data-original-width=\"478\" data-original-height=\"321\" itemprop=\"http:\/\/schema.org\/image\" title=\"Capture d\u2019e\u0301cran, le 2024-09-03 a\u0300 14.25.01\" alt=\"Capture d\u2019e\u0301cran, le 2024-09-03 a\u0300 14.25.01\" style=\"width: 478px; height: 321px;\" \/> <\/a> <\/div> <\/div> <!-- close group --> <div class=\"gallery-group images-1\" style=\"width: 218px; height: 325px;\" data-original-width=\"218\" data-original-height=\"325\" > <div class=\"tiled-gallery-item tiled-gallery-item-small\" itemprop=\"associatedMedia\" itemscope itemtype=\"http:\/\/schema.org\/ImageObject\"> <a href=\"https:\/\/itayachtscanada.com\/fr\/listing\/ferretti-custom-line-106-2023-10995000-usd-for-sale\/capture-decran-le-2024-09-03-a-14-24-52\/\" border=\"0\" itemprop=\"url\"> <meta itemprop=\"width\" content=\"214\"> <meta itemprop=\"height\" content=\"321\"> <img decoding=\"async\" class=\"\" data-attachment-id=\"175881\" data-orig-file=\"https:\/\/itayachtscanada.com\/wp-content\/uploads\/2024\/09\/Capture-decran-le-2024-09-03-a-14.24.52.jpg\" data-orig-size=\"672,1006\" data-comments-opened=\"1\" data-image-meta=\"{&quot;aperture&quot;:&quot;0&quot;,&quot;credit&quot;:&quot;&quot;,&quot;camera&quot;:&quot;&quot;,&quot;caption&quot;:&quot;&quot;,&quot;created_timestamp&quot;:&quot;0&quot;,&quot;copyright&quot;:&quot;&quot;,&quot;focal_length&quot;:&quot;0&quot;,&quot;iso&quot;:&quot;0&quot;,&quot;shutter_speed&quot;:&quot;0&quot;,&quot;title&quot;:&quot;&quot;,&quot;orientation&quot;:&quot;0&quot;}\" data-image-title=\"Capture d\u2019e\u0301cran, le 2024-09-03 a\u0300 14.24.52\" data-image-description=\"\" data-medium-file=\"https:\/\/i0.wp.com\/itayachtscanada.com\/wp-content\/uploads\/2024\/09\/Capture-decran-le-2024-09-03-a-14.24.52.jpg?fit=200%2C300&#038;ssl=1\" data-large-file=\"https:\/\/i0.wp.com\/itayachtscanada.com\/wp-content\/uploads\/2024\/09\/Capture-decran-le-2024-09-03-a-14.24.52.jpg?fit=672%2C1006&#038;ssl=1\" src=\"https:\/\/i0.wp.com\/itayachtscanada.com\/wp-content\/uploads\/2024\/09\/Capture-decran-le-2024-09-03-a-14.24.52.jpg?w=214&#038;h=321&#038;ssl=1\" srcset=\"https:\/\/i0.wp.com\/itayachtscanada.com\/wp-content\/uploads\/2024\/09\/Capture-decran-le-2024-09-03-a-14.24.52.jpg?w=672&amp;ssl=1 672w, https:\/\/i0.wp.com\/itayachtscanada.com\/wp-content\/uploads\/2024\/09\/Capture-decran-le-2024-09-03-a-14.24.52.jpg?resize=200%2C300&amp;ssl=1 200w, https:\/\/i0.wp.com\/itayachtscanada.com\/wp-content\/uploads\/2024\/09\/Capture-decran-le-2024-09-03-a-14.24.52.jpg?resize=267%2C400&amp;ssl=1 267w\" width=\"214\" height=\"321\" loading=\"lazy\" data-original-width=\"214\" data-original-height=\"321\" itemprop=\"http:\/\/schema.org\/image\" title=\"Capture d\u2019e\u0301cran, le 2024-09-03 a\u0300 14.24.52\" alt=\"Capture d\u2019e\u0301cran, le 2024-09-03 a\u0300 14.24.52\" style=\"width: 214px; height: 321px;\" \/> <\/a> <\/div> <\/div> <!-- close group --> <\/div> <!-- close row --> <div class=\"gallery-row\" style=\"width: 700px; height: 159px;\" data-original-width=\"700\" data-original-height=\"159\" > <div class=\"gallery-group images-1\" style=\"width: 234px; height: 159px;\" data-original-width=\"234\" data-original-height=\"159\" > <div class=\"tiled-gallery-item tiled-gallery-item-small\" itemprop=\"associatedMedia\" itemscope itemtype=\"http:\/\/schema.org\/ImageObject\"> <a href=\"https:\/\/itayachtscanada.com\/fr\/listing\/ferretti-custom-line-106-2023-10995000-usd-for-sale\/capture-decran-le-2024-09-03-a-14-24-48\/\" border=\"0\" itemprop=\"url\"> <meta itemprop=\"width\" content=\"230\"> <meta itemprop=\"height\" content=\"155\"> <img decoding=\"async\" class=\"\" data-attachment-id=\"175882\" data-orig-file=\"https:\/\/itayachtscanada.com\/wp-content\/uploads\/2024\/09\/Capture-decran-le-2024-09-03-a-14.24.48.jpg\" data-orig-size=\"1492,1006\" data-comments-opened=\"1\" data-image-meta=\"{&quot;aperture&quot;:&quot;0&quot;,&quot;credit&quot;:&quot;&quot;,&quot;camera&quot;:&quot;&quot;,&quot;caption&quot;:&quot;&quot;,&quot;created_timestamp&quot;:&quot;0&quot;,&quot;copyright&quot;:&quot;&quot;,&quot;focal_length&quot;:&quot;0&quot;,&quot;iso&quot;:&quot;0&quot;,&quot;shutter_speed&quot;:&quot;0&quot;,&quot;title&quot;:&quot;&quot;,&quot;orientation&quot;:&quot;0&quot;}\" data-image-title=\"Capture d\u2019e\u0301cran, le 2024-09-03 a\u0300 14.24.48\" data-image-description=\"\" data-medium-file=\"https:\/\/i0.wp.com\/itayachtscanada.com\/wp-content\/uploads\/2024\/09\/Capture-decran-le-2024-09-03-a-14.24.48.jpg?fit=300%2C202&#038;ssl=1\" data-large-file=\"https:\/\/i0.wp.com\/itayachtscanada.com\/wp-content\/uploads\/2024\/09\/Capture-decran-le-2024-09-03-a-14.24.48.jpg?fit=700%2C472&#038;ssl=1\" src=\"https:\/\/i0.wp.com\/itayachtscanada.com\/wp-content\/uploads\/2024\/09\/Capture-decran-le-2024-09-03-a-14.24.48.jpg?w=230&#038;h=155&#038;ssl=1\" srcset=\"https:\/\/i0.wp.com\/itayachtscanada.com\/wp-content\/uploads\/2024\/09\/Capture-decran-le-2024-09-03-a-14.24.48.jpg?w=1492&amp;ssl=1 1492w, https:\/\/i0.wp.com\/itayachtscanada.com\/wp-content\/uploads\/2024\/09\/Capture-decran-le-2024-09-03-a-14.24.48.jpg?resize=300%2C202&amp;ssl=1 300w, https:\/\/i0.wp.com\/itayachtscanada.com\/wp-content\/uploads\/2024\/09\/Capture-decran-le-2024-09-03-a-14.24.48.jpg?resize=1024%2C690&amp;ssl=1 1024w, https:\/\/i0.wp.com\/itayachtscanada.com\/wp-content\/uploads\/2024\/09\/Capture-decran-le-2024-09-03-a-14.24.48.jpg?resize=768%2C518&amp;ssl=1 768w, https:\/\/i0.wp.com\/itayachtscanada.com\/wp-content\/uploads\/2024\/09\/Capture-decran-le-2024-09-03-a-14.24.48.jpg?resize=700%2C472&amp;ssl=1 700w, https:\/\/i0.wp.com\/itayachtscanada.com\/wp-content\/uploads\/2024\/09\/Capture-decran-le-2024-09-03-a-14.24.48.jpg?resize=593%2C400&amp;ssl=1 593w, https:\/\/i0.wp.com\/itayachtscanada.com\/wp-content\/uploads\/2024\/09\/Capture-decran-le-2024-09-03-a-14.24.48.jpg?w=1400&amp;ssl=1 1400w\" width=\"230\" height=\"155\" loading=\"lazy\" data-original-width=\"230\" data-original-height=\"155\" itemprop=\"http:\/\/schema.org\/image\" title=\"Capture d\u2019e\u0301cran, le 2024-09-03 a\u0300 14.24.48\" alt=\"Capture d\u2019e\u0301cran, le 2024-09-03 a\u0300 14.24.48\" style=\"width: 230px; height: 155px;\" \/> <\/a> <\/div> <\/div> <!-- close group --> <div class=\"gallery-group images-1\" style=\"width: 233px; height: 159px;\" data-original-width=\"233\" data-original-height=\"159\" > <div class=\"tiled-gallery-item tiled-gallery-item-small\" itemprop=\"associatedMedia\" itemscope itemtype=\"http:\/\/schema.org\/ImageObject\"> <a href=\"https:\/\/itayachtscanada.com\/fr\/listing\/ferretti-custom-line-106-2023-10995000-usd-for-sale\/capture-decran-le-2024-09-03-a-14-24-44\/\" border=\"0\" itemprop=\"url\"> <meta itemprop=\"width\" content=\"229\"> <meta itemprop=\"height\" content=\"155\"> <img decoding=\"async\" class=\"\" data-attachment-id=\"175883\" data-orig-file=\"https:\/\/itayachtscanada.com\/wp-content\/uploads\/2024\/09\/Capture-decran-le-2024-09-03-a-14.24.44.jpg\" data-orig-size=\"1492,1006\" data-comments-opened=\"1\" data-image-meta=\"{&quot;aperture&quot;:&quot;0&quot;,&quot;credit&quot;:&quot;&quot;,&quot;camera&quot;:&quot;&quot;,&quot;caption&quot;:&quot;&quot;,&quot;created_timestamp&quot;:&quot;0&quot;,&quot;copyright&quot;:&quot;&quot;,&quot;focal_length&quot;:&quot;0&quot;,&quot;iso&quot;:&quot;0&quot;,&quot;shutter_speed&quot;:&quot;0&quot;,&quot;title&quot;:&quot;&quot;,&quot;orientation&quot;:&quot;0&quot;}\" data-image-title=\"Capture d\u2019e\u0301cran, le 2024-09-03 a\u0300 14.24.44\" data-image-description=\"\" data-medium-file=\"https:\/\/i0.wp.com\/itayachtscanada.com\/wp-content\/uploads\/2024\/09\/Capture-decran-le-2024-09-03-a-14.24.44.jpg?fit=300%2C202&#038;ssl=1\" data-large-file=\"https:\/\/i0.wp.com\/itayachtscanada.com\/wp-content\/uploads\/2024\/09\/Capture-decran-le-2024-09-03-a-14.24.44.jpg?fit=700%2C472&#038;ssl=1\" src=\"https:\/\/i0.wp.com\/itayachtscanada.com\/wp-content\/uploads\/2024\/09\/Capture-decran-le-2024-09-03-a-14.24.44.jpg?w=229&#038;h=155&#038;ssl=1\" srcset=\"https:\/\/i0.wp.com\/itayachtscanada.com\/wp-content\/uploads\/2024\/09\/Capture-decran-le-2024-09-03-a-14.24.44.jpg?w=1492&amp;ssl=1 1492w, https:\/\/i0.wp.com\/itayachtscanada.com\/wp-content\/uploads\/2024\/09\/Capture-decran-le-2024-09-03-a-14.24.44.jpg?resize=300%2C202&amp;ssl=1 300w, https:\/\/i0.wp.com\/itayachtscanada.com\/wp-content\/uploads\/2024\/09\/Capture-decran-le-2024-09-03-a-14.24.44.jpg?resize=1024%2C690&amp;ssl=1 1024w, https:\/\/i0.wp.com\/itayachtscanada.com\/wp-content\/uploads\/2024\/09\/Capture-decran-le-2024-09-03-a-14.24.44.jpg?resize=768%2C518&amp;ssl=1 768w, https:\/\/i0.wp.com\/itayachtscanada.com\/wp-content\/uploads\/2024\/09\/Capture-decran-le-2024-09-03-a-14.24.44.jpg?resize=700%2C472&amp;ssl=1 700w, https:\/\/i0.wp.com\/itayachtscanada.com\/wp-content\/uploads\/2024\/09\/Capture-decran-le-2024-09-03-a-14.24.44.jpg?resize=593%2C400&amp;ssl=1 593w, https:\/\/i0.wp.com\/itayachtscanada.com\/wp-content\/uploads\/2024\/09\/Capture-decran-le-2024-09-03-a-14.24.44.jpg?w=1400&amp;ssl=1 1400w\" width=\"229\" height=\"155\" loading=\"lazy\" data-original-width=\"229\" data-original-height=\"155\" itemprop=\"http:\/\/schema.org\/image\" title=\"Capture d\u2019e\u0301cran, le 2024-09-03 a\u0300 14.24.44\" alt=\"Capture d\u2019e\u0301cran, le 2024-09-03 a\u0300 14.24.44\" style=\"width: 229px; height: 155px;\" \/> <\/a> <\/div> <\/div> <!-- close group --> <div class=\"gallery-group images-1\" style=\"width: 233px; height: 159px;\" data-original-width=\"233\" data-original-height=\"159\" > <div class=\"tiled-gallery-item tiled-gallery-item-small\" itemprop=\"associatedMedia\" itemscope itemtype=\"http:\/\/schema.org\/ImageObject\"> <a href=\"https:\/\/itayachtscanada.com\/fr\/listing\/ferretti-custom-line-106-2023-10995000-usd-for-sale\/capture-decran-le-2024-09-03-a-14-24-41\/\" border=\"0\" itemprop=\"url\"> <meta itemprop=\"width\" content=\"229\"> <meta itemprop=\"height\" content=\"155\"> <img decoding=\"async\" class=\"\" data-attachment-id=\"175884\" data-orig-file=\"https:\/\/itayachtscanada.com\/wp-content\/uploads\/2024\/09\/Capture-decran-le-2024-09-03-a-14.24.41.jpg\" data-orig-size=\"1492,1006\" data-comments-opened=\"1\" data-image-meta=\"{&quot;aperture&quot;:&quot;0&quot;,&quot;credit&quot;:&quot;&quot;,&quot;camera&quot;:&quot;&quot;,&quot;caption&quot;:&quot;&quot;,&quot;created_timestamp&quot;:&quot;0&quot;,&quot;copyright&quot;:&quot;&quot;,&quot;focal_length&quot;:&quot;0&quot;,&quot;iso&quot;:&quot;0&quot;,&quot;shutter_speed&quot;:&quot;0&quot;,&quot;title&quot;:&quot;&quot;,&quot;orientation&quot;:&quot;0&quot;}\" data-image-title=\"Capture d\u2019e\u0301cran, le 2024-09-03 a\u0300 14.24.41\" data-image-description=\"\" data-medium-file=\"https:\/\/i0.wp.com\/itayachtscanada.com\/wp-content\/uploads\/2024\/09\/Capture-decran-le-2024-09-03-a-14.24.41.jpg?fit=300%2C202&#038;ssl=1\" data-large-file=\"https:\/\/i0.wp.com\/itayachtscanada.com\/wp-content\/uploads\/2024\/09\/Capture-decran-le-2024-09-03-a-14.24.41.jpg?fit=700%2C472&#038;ssl=1\" src=\"https:\/\/i0.wp.com\/itayachtscanada.com\/wp-content\/uploads\/2024\/09\/Capture-decran-le-2024-09-03-a-14.24.41.jpg?w=229&#038;h=155&#038;ssl=1\" srcset=\"https:\/\/i0.wp.com\/itayachtscanada.com\/wp-content\/uploads\/2024\/09\/Capture-decran-le-2024-09-03-a-14.24.41.jpg?w=1492&amp;ssl=1 1492w, https:\/\/i0.wp.com\/itayachtscanada.com\/wp-content\/uploads\/2024\/09\/Capture-decran-le-2024-09-03-a-14.24.41.jpg?resize=300%2C202&amp;ssl=1 300w, https:\/\/i0.wp.com\/itayachtscanada.com\/wp-content\/uploads\/2024\/09\/Capture-decran-le-2024-09-03-a-14.24.41.jpg?resize=1024%2C690&amp;ssl=1 1024w, https:\/\/i0.wp.com\/itayachtscanada.com\/wp-content\/uploads\/2024\/09\/Capture-decran-le-2024-09-03-a-14.24.41.jpg?resize=768%2C518&amp;ssl=1 768w, https:\/\/i0.wp.com\/itayachtscanada.com\/wp-content\/uploads\/2024\/09\/Capture-decran-le-2024-09-03-a-14.24.41.jpg?resize=700%2C472&amp;ssl=1 700w, https:\/\/i0.wp.com\/itayachtscanada.com\/wp-content\/uploads\/2024\/09\/Capture-decran-le-2024-09-03-a-14.24.41.jpg?resize=593%2C400&amp;ssl=1 593w, https:\/\/i0.wp.com\/itayachtscanada.com\/wp-content\/uploads\/2024\/09\/Capture-decran-le-2024-09-03-a-14.24.41.jpg?w=1400&amp;ssl=1 1400w\" width=\"229\" height=\"155\" loading=\"lazy\" data-original-width=\"229\" data-original-height=\"155\" itemprop=\"http:\/\/schema.org\/image\" title=\"Capture d\u2019e\u0301cran, le 2024-09-03 a\u0300 14.24.41\" alt=\"Capture d\u2019e\u0301cran, le 2024-09-03 a\u0300 14.24.41\" style=\"width: 229px; height: 155px;\" \/> <\/a> <\/div> <\/div> <!-- close group --> <\/div> <!-- close row --> <div class=\"gallery-row\" style=\"width: 700px; height: 327px;\" data-original-width=\"700\" data-original-height=\"327\" > <div class=\"gallery-group images-1\" style=\"width: 482px; height: 327px;\" data-original-width=\"482\" data-original-height=\"327\" > <div class=\"tiled-gallery-item tiled-gallery-item-large\" itemprop=\"associatedMedia\" itemscope itemtype=\"http:\/\/schema.org\/ImageObject\"> <a href=\"https:\/\/itayachtscanada.com\/fr\/listing\/ferretti-custom-line-106-2023-10995000-usd-for-sale\/capture-decran-le-2024-09-03-a-14-24-32\/\" border=\"0\" itemprop=\"url\"> <meta itemprop=\"width\" content=\"478\"> <meta itemprop=\"height\" content=\"323\"> <img decoding=\"async\" class=\"\" data-attachment-id=\"175885\" data-orig-file=\"https:\/\/itayachtscanada.com\/wp-content\/uploads\/2024\/09\/Capture-decran-le-2024-09-03-a-14.24.32.jpg\" data-orig-size=\"1492,1006\" data-comments-opened=\"1\" data-image-meta=\"{&quot;aperture&quot;:&quot;0&quot;,&quot;credit&quot;:&quot;&quot;,&quot;camera&quot;:&quot;&quot;,&quot;caption&quot;:&quot;&quot;,&quot;created_timestamp&quot;:&quot;0&quot;,&quot;copyright&quot;:&quot;&quot;,&quot;focal_length&quot;:&quot;0&quot;,&quot;iso&quot;:&quot;0&quot;,&quot;shutter_speed&quot;:&quot;0&quot;,&quot;title&quot;:&quot;&quot;,&quot;orientation&quot;:&quot;0&quot;}\" data-image-title=\"Capture d\u2019e\u0301cran, le 2024-09-03 a\u0300 14.24.32\" data-image-description=\"\" data-medium-file=\"https:\/\/i0.wp.com\/itayachtscanada.com\/wp-content\/uploads\/2024\/09\/Capture-decran-le-2024-09-03-a-14.24.32.jpg?fit=300%2C202&#038;ssl=1\" data-large-file=\"https:\/\/i0.wp.com\/itayachtscanada.com\/wp-content\/uploads\/2024\/09\/Capture-decran-le-2024-09-03-a-14.24.32.jpg?fit=700%2C472&#038;ssl=1\" src=\"https:\/\/i0.wp.com\/itayachtscanada.com\/wp-content\/uploads\/2024\/09\/Capture-decran-le-2024-09-03-a-14.24.32.jpg?w=478&#038;h=323&#038;ssl=1\" srcset=\"https:\/\/i0.wp.com\/itayachtscanada.com\/wp-content\/uploads\/2024\/09\/Capture-decran-le-2024-09-03-a-14.24.32.jpg?w=1492&amp;ssl=1 1492w, https:\/\/i0.wp.com\/itayachtscanada.com\/wp-content\/uploads\/2024\/09\/Capture-decran-le-2024-09-03-a-14.24.32.jpg?resize=300%2C202&amp;ssl=1 300w, https:\/\/i0.wp.com\/itayachtscanada.com\/wp-content\/uploads\/2024\/09\/Capture-decran-le-2024-09-03-a-14.24.32.jpg?resize=1024%2C690&amp;ssl=1 1024w, https:\/\/i0.wp.com\/itayachtscanada.com\/wp-content\/uploads\/2024\/09\/Capture-decran-le-2024-09-03-a-14.24.32.jpg?resize=768%2C518&amp;ssl=1 768w, https:\/\/i0.wp.com\/itayachtscanada.com\/wp-content\/uploads\/2024\/09\/Capture-decran-le-2024-09-03-a-14.24.32.jpg?resize=700%2C472&amp;ssl=1 700w, https:\/\/i0.wp.com\/itayachtscanada.com\/wp-content\/uploads\/2024\/09\/Capture-decran-le-2024-09-03-a-14.24.32.jpg?resize=593%2C400&amp;ssl=1 593w, https:\/\/i0.wp.com\/itayachtscanada.com\/wp-content\/uploads\/2024\/09\/Capture-decran-le-2024-09-03-a-14.24.32.jpg?w=1400&amp;ssl=1 1400w\" width=\"478\" height=\"323\" loading=\"lazy\" data-original-width=\"478\" data-original-height=\"323\" itemprop=\"http:\/\/schema.org\/image\" title=\"Capture d\u2019e\u0301cran, le 2024-09-03 a\u0300 14.24.32\" alt=\"Capture d\u2019e\u0301cran, le 2024-09-03 a\u0300 14.24.32\" style=\"width: 478px; height: 323px;\" \/> <\/a> <\/div> <\/div> <!-- close group --> <div class=\"gallery-group images-1\" style=\"width: 218px; height: 327px;\" data-original-width=\"218\" data-original-height=\"327\" > <div class=\"tiled-gallery-item tiled-gallery-item-small\" itemprop=\"associatedMedia\" itemscope itemtype=\"http:\/\/schema.org\/ImageObject\"> <a href=\"https:\/\/itayachtscanada.com\/fr\/listing\/ferretti-custom-line-106-2023-10995000-usd-for-sale\/capture-decran-le-2024-09-03-a-14-24-24\/\" border=\"0\" itemprop=\"url\"> <meta itemprop=\"width\" content=\"214\"> <meta itemprop=\"height\" content=\"323\"> <img decoding=\"async\" class=\"\" data-attachment-id=\"175886\" data-orig-file=\"https:\/\/itayachtscanada.com\/wp-content\/uploads\/2024\/09\/Capture-decran-le-2024-09-03-a-14.24.24.jpg\" data-orig-size=\"666,1006\" data-comments-opened=\"1\" data-image-meta=\"{&quot;aperture&quot;:&quot;0&quot;,&quot;credit&quot;:&quot;&quot;,&quot;camera&quot;:&quot;&quot;,&quot;caption&quot;:&quot;&quot;,&quot;created_timestamp&quot;:&quot;0&quot;,&quot;copyright&quot;:&quot;&quot;,&quot;focal_length&quot;:&quot;0&quot;,&quot;iso&quot;:&quot;0&quot;,&quot;shutter_speed&quot;:&quot;0&quot;,&quot;title&quot;:&quot;&quot;,&quot;orientation&quot;:&quot;0&quot;}\" data-image-title=\"Capture d\u2019e\u0301cran, le 2024-09-03 a\u0300 14.24.24\" data-image-description=\"\" data-medium-file=\"https:\/\/i0.wp.com\/itayachtscanada.com\/wp-content\/uploads\/2024\/09\/Capture-decran-le-2024-09-03-a-14.24.24.jpg?fit=199%2C300&#038;ssl=1\" data-large-file=\"https:\/\/i0.wp.com\/itayachtscanada.com\/wp-content\/uploads\/2024\/09\/Capture-decran-le-2024-09-03-a-14.24.24.jpg?fit=666%2C1006&#038;ssl=1\" src=\"https:\/\/i0.wp.com\/itayachtscanada.com\/wp-content\/uploads\/2024\/09\/Capture-decran-le-2024-09-03-a-14.24.24.jpg?w=214&#038;h=323&#038;ssl=1\" srcset=\"https:\/\/i0.wp.com\/itayachtscanada.com\/wp-content\/uploads\/2024\/09\/Capture-decran-le-2024-09-03-a-14.24.24.jpg?w=666&amp;ssl=1 666w, https:\/\/i0.wp.com\/itayachtscanada.com\/wp-content\/uploads\/2024\/09\/Capture-decran-le-2024-09-03-a-14.24.24.jpg?resize=199%2C300&amp;ssl=1 199w, https:\/\/i0.wp.com\/itayachtscanada.com\/wp-content\/uploads\/2024\/09\/Capture-decran-le-2024-09-03-a-14.24.24.jpg?resize=265%2C400&amp;ssl=1 265w\" width=\"214\" height=\"323\" loading=\"lazy\" data-original-width=\"214\" data-original-height=\"323\" itemprop=\"http:\/\/schema.org\/image\" title=\"Capture d\u2019e\u0301cran, le 2024-09-03 a\u0300 14.24.24\" alt=\"Capture d\u2019e\u0301cran, le 2024-09-03 a\u0300 14.24.24\" style=\"width: 214px; height: 323px;\" \/> <\/a> <\/div> <\/div> <!-- close group --> <\/div> <!-- close row --> <div class=\"gallery-row\" style=\"width: 700px; height: 499px;\" data-original-width=\"700\" data-original-height=\"499\" > <div class=\"gallery-group images-2\" style=\"width: 370px; height: 499px;\" data-original-width=\"370\" data-original-height=\"499\" > <div class=\"tiled-gallery-item tiled-gallery-item-large\" itemprop=\"associatedMedia\" itemscope itemtype=\"http:\/\/schema.org\/ImageObject\"> <a href=\"https:\/\/itayachtscanada.com\/fr\/listing\/ferretti-custom-line-106-2023-10995000-usd-for-sale\/capture-decran-le-2024-09-03-a-14-24-21\/\" border=\"0\" itemprop=\"url\"> <meta itemprop=\"width\" content=\"366\"> <meta itemprop=\"height\" content=\"246\"> <img decoding=\"async\" class=\"\" data-attachment-id=\"175887\" data-orig-file=\"https:\/\/itayachtscanada.com\/wp-content\/uploads\/2024\/09\/Capture-decran-le-2024-09-03-a-14.24.21.jpg\" data-orig-size=\"1500,1006\" data-comments-opened=\"1\" data-image-meta=\"{&quot;aperture&quot;:&quot;0&quot;,&quot;credit&quot;:&quot;&quot;,&quot;camera&quot;:&quot;&quot;,&quot;caption&quot;:&quot;&quot;,&quot;created_timestamp&quot;:&quot;0&quot;,&quot;copyright&quot;:&quot;&quot;,&quot;focal_length&quot;:&quot;0&quot;,&quot;iso&quot;:&quot;0&quot;,&quot;shutter_speed&quot;:&quot;0&quot;,&quot;title&quot;:&quot;&quot;,&quot;orientation&quot;:&quot;0&quot;}\" data-image-title=\"Capture d\u2019e\u0301cran, le 2024-09-03 a\u0300 14.24.21\" data-image-description=\"\" data-medium-file=\"https:\/\/i0.wp.com\/itayachtscanada.com\/wp-content\/uploads\/2024\/09\/Capture-decran-le-2024-09-03-a-14.24.21.jpg?fit=300%2C201&#038;ssl=1\" data-large-file=\"https:\/\/i0.wp.com\/itayachtscanada.com\/wp-content\/uploads\/2024\/09\/Capture-decran-le-2024-09-03-a-14.24.21.jpg?fit=700%2C470&#038;ssl=1\" src=\"https:\/\/i0.wp.com\/itayachtscanada.com\/wp-content\/uploads\/2024\/09\/Capture-decran-le-2024-09-03-a-14.24.21.jpg?w=366&#038;h=246&#038;ssl=1\" srcset=\"https:\/\/i0.wp.com\/itayachtscanada.com\/wp-content\/uploads\/2024\/09\/Capture-decran-le-2024-09-03-a-14.24.21.jpg?w=1500&amp;ssl=1 1500w, https:\/\/i0.wp.com\/itayachtscanada.com\/wp-content\/uploads\/2024\/09\/Capture-decran-le-2024-09-03-a-14.24.21.jpg?resize=300%2C201&amp;ssl=1 300w, https:\/\/i0.wp.com\/itayachtscanada.com\/wp-content\/uploads\/2024\/09\/Capture-decran-le-2024-09-03-a-14.24.21.jpg?resize=1024%2C687&amp;ssl=1 1024w, https:\/\/i0.wp.com\/itayachtscanada.com\/wp-content\/uploads\/2024\/09\/Capture-decran-le-2024-09-03-a-14.24.21.jpg?resize=768%2C515&amp;ssl=1 768w, https:\/\/i0.wp.com\/itayachtscanada.com\/wp-content\/uploads\/2024\/09\/Capture-decran-le-2024-09-03-a-14.24.21.jpg?resize=700%2C469&amp;ssl=1 700w, https:\/\/i0.wp.com\/itayachtscanada.com\/wp-content\/uploads\/2024\/09\/Capture-decran-le-2024-09-03-a-14.24.21.jpg?resize=596%2C400&amp;ssl=1 596w, https:\/\/i0.wp.com\/itayachtscanada.com\/wp-content\/uploads\/2024\/09\/Capture-decran-le-2024-09-03-a-14.24.21.jpg?w=1400&amp;ssl=1 1400w\" width=\"366\" height=\"246\" loading=\"lazy\" data-original-width=\"366\" data-original-height=\"246\" itemprop=\"http:\/\/schema.org\/image\" title=\"Capture d\u2019e\u0301cran, le 2024-09-03 a\u0300 14.24.21\" alt=\"Capture d\u2019e\u0301cran, le 2024-09-03 a\u0300 14.24.21\" style=\"width: 366px; height: 246px;\" \/> <\/a> <\/div> <div class=\"tiled-gallery-item tiled-gallery-item-large\" itemprop=\"associatedMedia\" itemscope itemtype=\"http:\/\/schema.org\/ImageObject\"> <a href=\"https:\/\/itayachtscanada.com\/fr\/listing\/ferretti-custom-line-106-2023-10995000-usd-for-sale\/capture-decran-le-2024-09-03-a-14-24-11\/\" border=\"0\" itemprop=\"url\"> <meta itemprop=\"width\" content=\"366\"> <meta itemprop=\"height\" content=\"245\"> <img decoding=\"async\" class=\"\" data-attachment-id=\"175888\" data-orig-file=\"https:\/\/itayachtscanada.com\/wp-content\/uploads\/2024\/09\/Capture-decran-le-2024-09-03-a-14.24.11.jpg\" data-orig-size=\"1500,1006\" data-comments-opened=\"1\" data-image-meta=\"{&quot;aperture&quot;:&quot;0&quot;,&quot;credit&quot;:&quot;&quot;,&quot;camera&quot;:&quot;&quot;,&quot;caption&quot;:&quot;&quot;,&quot;created_timestamp&quot;:&quot;0&quot;,&quot;copyright&quot;:&quot;&quot;,&quot;focal_length&quot;:&quot;0&quot;,&quot;iso&quot;:&quot;0&quot;,&quot;shutter_speed&quot;:&quot;0&quot;,&quot;title&quot;:&quot;&quot;,&quot;orientation&quot;:&quot;0&quot;}\" data-image-title=\"Capture d\u2019e\u0301cran, le 2024-09-03 a\u0300 14.24.11\" data-image-description=\"\" data-medium-file=\"https:\/\/i0.wp.com\/itayachtscanada.com\/wp-content\/uploads\/2024\/09\/Capture-decran-le-2024-09-03-a-14.24.11.jpg?fit=300%2C201&#038;ssl=1\" data-large-file=\"https:\/\/i0.wp.com\/itayachtscanada.com\/wp-content\/uploads\/2024\/09\/Capture-decran-le-2024-09-03-a-14.24.11.jpg?fit=700%2C470&#038;ssl=1\" src=\"https:\/\/i0.wp.com\/itayachtscanada.com\/wp-content\/uploads\/2024\/09\/Capture-decran-le-2024-09-03-a-14.24.11.jpg?w=366&#038;h=245&#038;ssl=1\" srcset=\"https:\/\/i0.wp.com\/itayachtscanada.com\/wp-content\/uploads\/2024\/09\/Capture-decran-le-2024-09-03-a-14.24.11.jpg?w=1500&amp;ssl=1 1500w, https:\/\/i0.wp.com\/itayachtscanada.com\/wp-content\/uploads\/2024\/09\/Capture-decran-le-2024-09-03-a-14.24.11.jpg?resize=300%2C201&amp;ssl=1 300w, https:\/\/i0.wp.com\/itayachtscanada.com\/wp-content\/uploads\/2024\/09\/Capture-decran-le-2024-09-03-a-14.24.11.jpg?resize=1024%2C687&amp;ssl=1 1024w, https:\/\/i0.wp.com\/itayachtscanada.com\/wp-content\/uploads\/2024\/09\/Capture-decran-le-2024-09-03-a-14.24.11.jpg?resize=768%2C515&amp;ssl=1 768w, https:\/\/i0.wp.com\/itayachtscanada.com\/wp-content\/uploads\/2024\/09\/Capture-decran-le-2024-09-03-a-14.24.11.jpg?resize=700%2C469&amp;ssl=1 700w, https:\/\/i0.wp.com\/itayachtscanada.com\/wp-content\/uploads\/2024\/09\/Capture-decran-le-2024-09-03-a-14.24.11.jpg?resize=900%2C600&amp;ssl=1 900w, https:\/\/i0.wp.com\/itayachtscanada.com\/wp-content\/uploads\/2024\/09\/Capture-decran-le-2024-09-03-a-14.24.11.jpg?resize=596%2C400&amp;ssl=1 596w, https:\/\/i0.wp.com\/itayachtscanada.com\/wp-content\/uploads\/2024\/09\/Capture-decran-le-2024-09-03-a-14.24.11.jpg?w=1400&amp;ssl=1 1400w\" width=\"366\" height=\"245\" loading=\"lazy\" data-original-width=\"366\" data-original-height=\"245\" itemprop=\"http:\/\/schema.org\/image\" title=\"Capture d\u2019e\u0301cran, le 2024-09-03 a\u0300 14.24.11\" alt=\"Capture d\u2019e\u0301cran, le 2024-09-03 a\u0300 14.24.11\" style=\"width: 366px; height: 245px;\" \/> <\/a> <\/div> <\/div> <!-- close group --> <div class=\"gallery-group images-1\" style=\"width: 330px; height: 499px;\" data-original-width=\"330\" data-original-height=\"499\" > <div class=\"tiled-gallery-item tiled-gallery-item-large\" itemprop=\"associatedMedia\" itemscope itemtype=\"http:\/\/schema.org\/ImageObject\"> <a href=\"https:\/\/itayachtscanada.com\/fr\/listing\/ferretti-custom-line-106-2023-10995000-usd-for-sale\/capture-decran-le-2024-09-03-a-14-24-07\/\" border=\"0\" itemprop=\"url\"> <meta itemprop=\"width\" content=\"326\"> <meta itemprop=\"height\" content=\"495\"> <img decoding=\"async\" class=\"\" data-attachment-id=\"175889\" data-orig-file=\"https:\/\/itayachtscanada.com\/wp-content\/uploads\/2024\/09\/Capture-decran-le-2024-09-03-a-14.24.07.jpg\" data-orig-size=\"662,1006\" data-comments-opened=\"1\" data-image-meta=\"{&quot;aperture&quot;:&quot;0&quot;,&quot;credit&quot;:&quot;&quot;,&quot;camera&quot;:&quot;&quot;,&quot;caption&quot;:&quot;&quot;,&quot;created_timestamp&quot;:&quot;0&quot;,&quot;copyright&quot;:&quot;&quot;,&quot;focal_length&quot;:&quot;0&quot;,&quot;iso&quot;:&quot;0&quot;,&quot;shutter_speed&quot;:&quot;0&quot;,&quot;title&quot;:&quot;&quot;,&quot;orientation&quot;:&quot;0&quot;}\" data-image-title=\"Capture d\u2019e\u0301cran, le 2024-09-03 a\u0300 14.24.07\" data-image-description=\"\" data-medium-file=\"https:\/\/i0.wp.com\/itayachtscanada.com\/wp-content\/uploads\/2024\/09\/Capture-decran-le-2024-09-03-a-14.24.07.jpg?fit=197%2C300&#038;ssl=1\" data-large-file=\"https:\/\/i0.wp.com\/itayachtscanada.com\/wp-content\/uploads\/2024\/09\/Capture-decran-le-2024-09-03-a-14.24.07.jpg?fit=662%2C1006&#038;ssl=1\" src=\"https:\/\/i0.wp.com\/itayachtscanada.com\/wp-content\/uploads\/2024\/09\/Capture-decran-le-2024-09-03-a-14.24.07.jpg?w=326&#038;h=495&#038;ssl=1\" srcset=\"https:\/\/i0.wp.com\/itayachtscanada.com\/wp-content\/uploads\/2024\/09\/Capture-decran-le-2024-09-03-a-14.24.07.jpg?w=662&amp;ssl=1 662w, https:\/\/i0.wp.com\/itayachtscanada.com\/wp-content\/uploads\/2024\/09\/Capture-decran-le-2024-09-03-a-14.24.07.jpg?resize=197%2C300&amp;ssl=1 197w, https:\/\/i0.wp.com\/itayachtscanada.com\/wp-content\/uploads\/2024\/09\/Capture-decran-le-2024-09-03-a-14.24.07.jpg?resize=263%2C400&amp;ssl=1 263w\" width=\"326\" height=\"495\" loading=\"lazy\" data-original-width=\"326\" data-original-height=\"495\" itemprop=\"http:\/\/schema.org\/image\" title=\"Capture d\u2019e\u0301cran, le 2024-09-03 a\u0300 14.24.07\" alt=\"Capture d\u2019e\u0301cran, le 2024-09-03 a\u0300 14.24.07\" style=\"width: 326px; height: 495px;\" \/> <\/a> <\/div> <\/div> <!-- close group --> <\/div> <!-- close row --> <div class=\"gallery-row\" style=\"width: 700px; height: 611px;\" data-original-width=\"700\" data-original-height=\"611\" > <div class=\"gallery-group images-1\" style=\"width: 403px; height: 611px;\" data-original-width=\"403\" data-original-height=\"611\" > <div class=\"tiled-gallery-item tiled-gallery-item-large\" itemprop=\"associatedMedia\" itemscope itemtype=\"http:\/\/schema.org\/ImageObject\"> <a href=\"https:\/\/itayachtscanada.com\/fr\/listing\/ferretti-custom-line-106-2023-10995000-usd-for-sale\/capture-decran-le-2024-09-03-a-14-21-44\/\" border=\"0\" itemprop=\"url\"> <meta itemprop=\"width\" content=\"399\"> <meta itemprop=\"height\" content=\"607\"> <img decoding=\"async\" class=\"\" data-attachment-id=\"175890\" data-orig-file=\"https:\/\/itayachtscanada.com\/wp-content\/uploads\/2024\/09\/Capture-decran-le-2024-09-03-a-14.21.44.jpg\" data-orig-size=\"662,1006\" data-comments-opened=\"1\" data-image-meta=\"{&quot;aperture&quot;:&quot;0&quot;,&quot;credit&quot;:&quot;&quot;,&quot;camera&quot;:&quot;&quot;,&quot;caption&quot;:&quot;&quot;,&quot;created_timestamp&quot;:&quot;0&quot;,&quot;copyright&quot;:&quot;&quot;,&quot;focal_length&quot;:&quot;0&quot;,&quot;iso&quot;:&quot;0&quot;,&quot;shutter_speed&quot;:&quot;0&quot;,&quot;title&quot;:&quot;&quot;,&quot;orientation&quot;:&quot;0&quot;}\" data-image-title=\"Capture d\u2019e\u0301cran, le 2024-09-03 a\u0300 14.21.44\" data-image-description=\"\" data-medium-file=\"https:\/\/i0.wp.com\/itayachtscanada.com\/wp-content\/uploads\/2024\/09\/Capture-decran-le-2024-09-03-a-14.21.44.jpg?fit=197%2C300&#038;ssl=1\" data-large-file=\"https:\/\/i0.wp.com\/itayachtscanada.com\/wp-content\/uploads\/2024\/09\/Capture-decran-le-2024-09-03-a-14.21.44.jpg?fit=662%2C1006&#038;ssl=1\" src=\"https:\/\/i0.wp.com\/itayachtscanada.com\/wp-content\/uploads\/2024\/09\/Capture-decran-le-2024-09-03-a-14.21.44.jpg?w=399&#038;h=607&#038;ssl=1\" srcset=\"https:\/\/i0.wp.com\/itayachtscanada.com\/wp-content\/uploads\/2024\/09\/Capture-decran-le-2024-09-03-a-14.21.44.jpg?w=662&amp;ssl=1 662w, https:\/\/i0.wp.com\/itayachtscanada.com\/wp-content\/uploads\/2024\/09\/Capture-decran-le-2024-09-03-a-14.21.44.jpg?resize=197%2C300&amp;ssl=1 197w, https:\/\/i0.wp.com\/itayachtscanada.com\/wp-content\/uploads\/2024\/09\/Capture-decran-le-2024-09-03-a-14.21.44.jpg?resize=263%2C400&amp;ssl=1 263w\" width=\"399\" height=\"607\" loading=\"lazy\" data-original-width=\"399\" data-original-height=\"607\" itemprop=\"http:\/\/schema.org\/image\" title=\"Capture d\u2019e\u0301cran, le 2024-09-03 a\u0300 14.21.44\" alt=\"Capture d\u2019e\u0301cran, le 2024-09-03 a\u0300 14.21.44\" style=\"width: 399px; height: 607px;\" \/> <\/a> <\/div> <\/div> <!-- close group --> <div class=\"gallery-group images-3\" style=\"width: 297px; height: 611px;\" data-original-width=\"297\" data-original-height=\"611\" > <div class=\"tiled-gallery-item tiled-gallery-item-large\" itemprop=\"associatedMedia\" itemscope itemtype=\"http:\/\/schema.org\/ImageObject\"> <a href=\"https:\/\/itayachtscanada.com\/fr\/listing\/ferretti-custom-line-106-2023-10995000-usd-for-sale\/capture-decran-le-2024-09-03-a-14-21-41\/\" border=\"0\" itemprop=\"url\"> <meta itemprop=\"width\" content=\"293\"> <meta itemprop=\"height\" content=\"198\"> <img decoding=\"async\" class=\"\" data-attachment-id=\"175891\" data-orig-file=\"https:\/\/itayachtscanada.com\/wp-content\/uploads\/2024\/09\/Capture-decran-le-2024-09-03-a-14.21.41.jpg\" data-orig-size=\"1490,1006\" data-comments-opened=\"1\" data-image-meta=\"{&quot;aperture&quot;:&quot;0&quot;,&quot;credit&quot;:&quot;&quot;,&quot;camera&quot;:&quot;&quot;,&quot;caption&quot;:&quot;&quot;,&quot;created_timestamp&quot;:&quot;0&quot;,&quot;copyright&quot;:&quot;&quot;,&quot;focal_length&quot;:&quot;0&quot;,&quot;iso&quot;:&quot;0&quot;,&quot;shutter_speed&quot;:&quot;0&quot;,&quot;title&quot;:&quot;&quot;,&quot;orientation&quot;:&quot;0&quot;}\" data-image-title=\"Capture d\u2019e\u0301cran, le 2024-09-03 a\u0300 14.21.41\" data-image-description=\"\" data-medium-file=\"https:\/\/i0.wp.com\/itayachtscanada.com\/wp-content\/uploads\/2024\/09\/Capture-decran-le-2024-09-03-a-14.21.41.jpg?fit=300%2C203&#038;ssl=1\" data-large-file=\"https:\/\/i0.wp.com\/itayachtscanada.com\/wp-content\/uploads\/2024\/09\/Capture-decran-le-2024-09-03-a-14.21.41.jpg?fit=700%2C472&#038;ssl=1\" src=\"https:\/\/i0.wp.com\/itayachtscanada.com\/wp-content\/uploads\/2024\/09\/Capture-decran-le-2024-09-03-a-14.21.41.jpg?w=293&#038;h=198&#038;ssl=1\" srcset=\"https:\/\/i0.wp.com\/itayachtscanada.com\/wp-content\/uploads\/2024\/09\/Capture-decran-le-2024-09-03-a-14.21.41.jpg?w=1490&amp;ssl=1 1490w, https:\/\/i0.wp.com\/itayachtscanada.com\/wp-content\/uploads\/2024\/09\/Capture-decran-le-2024-09-03-a-14.21.41.jpg?resize=300%2C203&amp;ssl=1 300w, https:\/\/i0.wp.com\/itayachtscanada.com\/wp-content\/uploads\/2024\/09\/Capture-decran-le-2024-09-03-a-14.21.41.jpg?resize=1024%2C691&amp;ssl=1 1024w, https:\/\/i0.wp.com\/itayachtscanada.com\/wp-content\/uploads\/2024\/09\/Capture-decran-le-2024-09-03-a-14.21.41.jpg?resize=768%2C519&amp;ssl=1 768w, https:\/\/i0.wp.com\/itayachtscanada.com\/wp-content\/uploads\/2024\/09\/Capture-decran-le-2024-09-03-a-14.21.41.jpg?resize=700%2C473&amp;ssl=1 700w, https:\/\/i0.wp.com\/itayachtscanada.com\/wp-content\/uploads\/2024\/09\/Capture-decran-le-2024-09-03-a-14.21.41.jpg?resize=592%2C400&amp;ssl=1 592w, https:\/\/i0.wp.com\/itayachtscanada.com\/wp-content\/uploads\/2024\/09\/Capture-decran-le-2024-09-03-a-14.21.41.jpg?w=1400&amp;ssl=1 1400w\" width=\"293\" height=\"198\" loading=\"lazy\" data-original-width=\"293\" data-original-height=\"198\" itemprop=\"http:\/\/schema.org\/image\" title=\"Capture d\u2019e\u0301cran, le 2024-09-03 a\u0300 14.21.41\" alt=\"Capture d\u2019e\u0301cran, le 2024-09-03 a\u0300 14.21.41\" style=\"width: 293px; height: 198px;\" \/> <\/a> <\/div> <div class=\"tiled-gallery-item tiled-gallery-item-large\" itemprop=\"associatedMedia\" itemscope itemtype=\"http:\/\/schema.org\/ImageObject\"> <a href=\"https:\/\/itayachtscanada.com\/fr\/listing\/ferretti-custom-line-106-2023-10995000-usd-for-sale\/capture-decran-le-2024-09-03-a-14-21-35\/\" border=\"0\" itemprop=\"url\"> <meta itemprop=\"width\" content=\"293\"> <meta itemprop=\"height\" content=\"197\"> <img decoding=\"async\" class=\"\" data-attachment-id=\"175892\" data-orig-file=\"https:\/\/itayachtscanada.com\/wp-content\/uploads\/2024\/09\/Capture-decran-le-2024-09-03-a-14.21.35.jpg\" data-orig-size=\"1490,1006\" data-comments-opened=\"1\" data-image-meta=\"{&quot;aperture&quot;:&quot;0&quot;,&quot;credit&quot;:&quot;&quot;,&quot;camera&quot;:&quot;&quot;,&quot;caption&quot;:&quot;&quot;,&quot;created_timestamp&quot;:&quot;0&quot;,&quot;copyright&quot;:&quot;&quot;,&quot;focal_length&quot;:&quot;0&quot;,&quot;iso&quot;:&quot;0&quot;,&quot;shutter_speed&quot;:&quot;0&quot;,&quot;title&quot;:&quot;&quot;,&quot;orientation&quot;:&quot;0&quot;}\" data-image-title=\"Capture d\u2019e\u0301cran, le 2024-09-03 a\u0300 14.21.35\" data-image-description=\"\" data-medium-file=\"https:\/\/i0.wp.com\/itayachtscanada.com\/wp-content\/uploads\/2024\/09\/Capture-decran-le-2024-09-03-a-14.21.35.jpg?fit=300%2C203&#038;ssl=1\" data-large-file=\"https:\/\/i0.wp.com\/itayachtscanada.com\/wp-content\/uploads\/2024\/09\/Capture-decran-le-2024-09-03-a-14.21.35.jpg?fit=700%2C472&#038;ssl=1\" src=\"https:\/\/i0.wp.com\/itayachtscanada.com\/wp-content\/uploads\/2024\/09\/Capture-decran-le-2024-09-03-a-14.21.35.jpg?w=293&#038;h=197&#038;ssl=1\" srcset=\"https:\/\/i0.wp.com\/itayachtscanada.com\/wp-content\/uploads\/2024\/09\/Capture-decran-le-2024-09-03-a-14.21.35.jpg?w=1490&amp;ssl=1 1490w, https:\/\/i0.wp.com\/itayachtscanada.com\/wp-content\/uploads\/2024\/09\/Capture-decran-le-2024-09-03-a-14.21.35.jpg?resize=300%2C203&amp;ssl=1 300w, https:\/\/i0.wp.com\/itayachtscanada.com\/wp-content\/uploads\/2024\/09\/Capture-decran-le-2024-09-03-a-14.21.35.jpg?resize=1024%2C691&amp;ssl=1 1024w, https:\/\/i0.wp.com\/itayachtscanada.com\/wp-content\/uploads\/2024\/09\/Capture-decran-le-2024-09-03-a-14.21.35.jpg?resize=768%2C519&amp;ssl=1 768w, https:\/\/i0.wp.com\/itayachtscanada.com\/wp-content\/uploads\/2024\/09\/Capture-decran-le-2024-09-03-a-14.21.35.jpg?resize=700%2C473&amp;ssl=1 700w, https:\/\/i0.wp.com\/itayachtscanada.com\/wp-content\/uploads\/2024\/09\/Capture-decran-le-2024-09-03-a-14.21.35.jpg?resize=592%2C400&amp;ssl=1 592w, https:\/\/i0.wp.com\/itayachtscanada.com\/wp-content\/uploads\/2024\/09\/Capture-decran-le-2024-09-03-a-14.21.35.jpg?w=1400&amp;ssl=1 1400w\" width=\"293\" height=\"197\" loading=\"lazy\" data-original-width=\"293\" data-original-height=\"197\" itemprop=\"http:\/\/schema.org\/image\" title=\"Capture d\u2019e\u0301cran, le 2024-09-03 a\u0300 14.21.35\" alt=\"Capture d\u2019e\u0301cran, le 2024-09-03 a\u0300 14.21.35\" style=\"width: 293px; height: 197px;\" \/> <\/a> <\/div> <div class=\"tiled-gallery-item tiled-gallery-item-large\" itemprop=\"associatedMedia\" itemscope itemtype=\"http:\/\/schema.org\/ImageObject\"> <a href=\"https:\/\/itayachtscanada.com\/fr\/listing\/ferretti-custom-line-106-2023-10995000-usd-for-sale\/capture-decran-le-2024-09-03-a-14-21-32\/\" border=\"0\" itemprop=\"url\"> <meta itemprop=\"width\" content=\"293\"> <meta itemprop=\"height\" content=\"204\"> <img decoding=\"async\" class=\"\" data-attachment-id=\"175893\" data-orig-file=\"https:\/\/itayachtscanada.com\/wp-content\/uploads\/2024\/09\/Capture-decran-le-2024-09-03-a-14.21.32.jpg\" data-orig-size=\"1442,1006\" data-comments-opened=\"1\" data-image-meta=\"{&quot;aperture&quot;:&quot;0&quot;,&quot;credit&quot;:&quot;&quot;,&quot;camera&quot;:&quot;&quot;,&quot;caption&quot;:&quot;&quot;,&quot;created_timestamp&quot;:&quot;0&quot;,&quot;copyright&quot;:&quot;&quot;,&quot;focal_length&quot;:&quot;0&quot;,&quot;iso&quot;:&quot;0&quot;,&quot;shutter_speed&quot;:&quot;0&quot;,&quot;title&quot;:&quot;&quot;,&quot;orientation&quot;:&quot;0&quot;}\" data-image-title=\"Capture d\u2019e\u0301cran, le 2024-09-03 a\u0300 14.21.32\" data-image-description=\"\" data-medium-file=\"https:\/\/i0.wp.com\/itayachtscanada.com\/wp-content\/uploads\/2024\/09\/Capture-decran-le-2024-09-03-a-14.21.32.jpg?fit=300%2C209&#038;ssl=1\" data-large-file=\"https:\/\/i0.wp.com\/itayachtscanada.com\/wp-content\/uploads\/2024\/09\/Capture-decran-le-2024-09-03-a-14.21.32.jpg?fit=700%2C488&#038;ssl=1\" src=\"https:\/\/i0.wp.com\/itayachtscanada.com\/wp-content\/uploads\/2024\/09\/Capture-decran-le-2024-09-03-a-14.21.32.jpg?w=293&#038;h=204&#038;ssl=1\" srcset=\"https:\/\/i0.wp.com\/itayachtscanada.com\/wp-content\/uploads\/2024\/09\/Capture-decran-le-2024-09-03-a-14.21.32.jpg?w=1442&amp;ssl=1 1442w, https:\/\/i0.wp.com\/itayachtscanada.com\/wp-content\/uploads\/2024\/09\/Capture-decran-le-2024-09-03-a-14.21.32.jpg?resize=300%2C209&amp;ssl=1 300w, https:\/\/i0.wp.com\/itayachtscanada.com\/wp-content\/uploads\/2024\/09\/Capture-decran-le-2024-09-03-a-14.21.32.jpg?resize=1024%2C714&amp;ssl=1 1024w, https:\/\/i0.wp.com\/itayachtscanada.com\/wp-content\/uploads\/2024\/09\/Capture-decran-le-2024-09-03-a-14.21.32.jpg?resize=768%2C536&amp;ssl=1 768w, https:\/\/i0.wp.com\/itayachtscanada.com\/wp-content\/uploads\/2024\/09\/Capture-decran-le-2024-09-03-a-14.21.32.jpg?resize=700%2C488&amp;ssl=1 700w, https:\/\/i0.wp.com\/itayachtscanada.com\/wp-content\/uploads\/2024\/09\/Capture-decran-le-2024-09-03-a-14.21.32.jpg?resize=573%2C400&amp;ssl=1 573w\" width=\"293\" height=\"204\" loading=\"lazy\" data-original-width=\"293\" data-original-height=\"204\" itemprop=\"http:\/\/schema.org\/image\" title=\"Capture d\u2019e\u0301cran, le 2024-09-03 a\u0300 14.21.32\" alt=\"Capture d\u2019e\u0301cran, le 2024-09-03 a\u0300 14.21.32\" style=\"width: 293px; height: 204px;\" \/> <\/a> <\/div> <\/div> <!-- close group --> <\/div> <!-- close row --> <div class=\"gallery-row\" style=\"width: 700px; height: 334px;\" data-original-width=\"700\" data-original-height=\"334\" > <div class=\"gallery-group images-1\" style=\"width: 477px; height: 334px;\" data-original-width=\"477\" data-original-height=\"334\" > <div class=\"tiled-gallery-item tiled-gallery-item-large\" itemprop=\"associatedMedia\" itemscope itemtype=\"http:\/\/schema.org\/ImageObject\"> <a href=\"https:\/\/itayachtscanada.com\/fr\/listing\/ferretti-custom-line-106-2023-10995000-usd-for-sale\/capture-decran-le-2024-09-03-a-14-21-16\/\" border=\"0\" itemprop=\"url\"> <meta itemprop=\"width\" content=\"473\"> <meta itemprop=\"height\" content=\"330\"> <img decoding=\"async\" class=\"\" data-attachment-id=\"175894\" data-orig-file=\"https:\/\/itayachtscanada.com\/wp-content\/uploads\/2024\/09\/Capture-decran-le-2024-09-03-a-14.21.16.jpg\" data-orig-size=\"1442,1006\" data-comments-opened=\"1\" data-image-meta=\"{&quot;aperture&quot;:&quot;0&quot;,&quot;credit&quot;:&quot;&quot;,&quot;camera&quot;:&quot;&quot;,&quot;caption&quot;:&quot;&quot;,&quot;created_timestamp&quot;:&quot;0&quot;,&quot;copyright&quot;:&quot;&quot;,&quot;focal_length&quot;:&quot;0&quot;,&quot;iso&quot;:&quot;0&quot;,&quot;shutter_speed&quot;:&quot;0&quot;,&quot;title&quot;:&quot;&quot;,&quot;orientation&quot;:&quot;0&quot;}\" data-image-title=\"Capture d\u2019e\u0301cran, le 2024-09-03 a\u0300 14.21.16\" data-image-description=\"\" data-medium-file=\"https:\/\/i0.wp.com\/itayachtscanada.com\/wp-content\/uploads\/2024\/09\/Capture-decran-le-2024-09-03-a-14.21.16.jpg?fit=300%2C209&#038;ssl=1\" data-large-file=\"https:\/\/i0.wp.com\/itayachtscanada.com\/wp-content\/uploads\/2024\/09\/Capture-decran-le-2024-09-03-a-14.21.16.jpg?fit=700%2C488&#038;ssl=1\" src=\"https:\/\/i0.wp.com\/itayachtscanada.com\/wp-content\/uploads\/2024\/09\/Capture-decran-le-2024-09-03-a-14.21.16.jpg?w=473&#038;h=330&#038;ssl=1\" srcset=\"https:\/\/i0.wp.com\/itayachtscanada.com\/wp-content\/uploads\/2024\/09\/Capture-decran-le-2024-09-03-a-14.21.16.jpg?w=1442&amp;ssl=1 1442w, https:\/\/i0.wp.com\/itayachtscanada.com\/wp-content\/uploads\/2024\/09\/Capture-decran-le-2024-09-03-a-14.21.16.jpg?resize=300%2C209&amp;ssl=1 300w, https:\/\/i0.wp.com\/itayachtscanada.com\/wp-content\/uploads\/2024\/09\/Capture-decran-le-2024-09-03-a-14.21.16.jpg?resize=1024%2C714&amp;ssl=1 1024w, https:\/\/i0.wp.com\/itayachtscanada.com\/wp-content\/uploads\/2024\/09\/Capture-decran-le-2024-09-03-a-14.21.16.jpg?resize=768%2C536&amp;ssl=1 768w, https:\/\/i0.wp.com\/itayachtscanada.com\/wp-content\/uploads\/2024\/09\/Capture-decran-le-2024-09-03-a-14.21.16.jpg?resize=700%2C488&amp;ssl=1 700w, https:\/\/i0.wp.com\/itayachtscanada.com\/wp-content\/uploads\/2024\/09\/Capture-decran-le-2024-09-03-a-14.21.16.jpg?resize=573%2C400&amp;ssl=1 573w\" width=\"473\" height=\"330\" loading=\"lazy\" data-original-width=\"473\" data-original-height=\"330\" itemprop=\"http:\/\/schema.org\/image\" title=\"Capture d\u2019e\u0301cran, le 2024-09-03 a\u0300 14.21.16\" alt=\"Capture d\u2019e\u0301cran, le 2024-09-03 a\u0300 14.21.16\" style=\"width: 473px; height: 330px;\" \/> <\/a> <\/div> <\/div> <!-- close group --> <div class=\"gallery-group images-1\" style=\"width: 223px; height: 334px;\" data-original-width=\"223\" data-original-height=\"334\" > <div class=\"tiled-gallery-item tiled-gallery-item-small\" itemprop=\"associatedMedia\" itemscope itemtype=\"http:\/\/schema.org\/ImageObject\"> <a href=\"https:\/\/itayachtscanada.com\/fr\/listing\/ferretti-custom-line-106-2023-10995000-usd-for-sale\/capture-decran-le-2024-09-03-a-14-21-09\/\" border=\"0\" itemprop=\"url\"> <meta itemprop=\"width\" content=\"219\"> <meta itemprop=\"height\" content=\"330\"> <img decoding=\"async\" class=\"\" data-attachment-id=\"175895\" data-orig-file=\"https:\/\/itayachtscanada.com\/wp-content\/uploads\/2024\/09\/Capture-decran-le-2024-09-03-a-14.21.09.jpg\" data-orig-size=\"668,1006\" data-comments-opened=\"1\" data-image-meta=\"{&quot;aperture&quot;:&quot;0&quot;,&quot;credit&quot;:&quot;&quot;,&quot;camera&quot;:&quot;&quot;,&quot;caption&quot;:&quot;&quot;,&quot;created_timestamp&quot;:&quot;0&quot;,&quot;copyright&quot;:&quot;&quot;,&quot;focal_length&quot;:&quot;0&quot;,&quot;iso&quot;:&quot;0&quot;,&quot;shutter_speed&quot;:&quot;0&quot;,&quot;title&quot;:&quot;&quot;,&quot;orientation&quot;:&quot;0&quot;}\" data-image-title=\"Capture d\u2019e\u0301cran, le 2024-09-03 a\u0300 14.21.09\" data-image-description=\"\" data-medium-file=\"https:\/\/i0.wp.com\/itayachtscanada.com\/wp-content\/uploads\/2024\/09\/Capture-decran-le-2024-09-03-a-14.21.09.jpg?fit=199%2C300&#038;ssl=1\" data-large-file=\"https:\/\/i0.wp.com\/itayachtscanada.com\/wp-content\/uploads\/2024\/09\/Capture-decran-le-2024-09-03-a-14.21.09.jpg?fit=668%2C1006&#038;ssl=1\" src=\"https:\/\/i0.wp.com\/itayachtscanada.com\/wp-content\/uploads\/2024\/09\/Capture-decran-le-2024-09-03-a-14.21.09.jpg?w=219&#038;h=330&#038;ssl=1\" srcset=\"https:\/\/i0.wp.com\/itayachtscanada.com\/wp-content\/uploads\/2024\/09\/Capture-decran-le-2024-09-03-a-14.21.09.jpg?w=668&amp;ssl=1 668w, https:\/\/i0.wp.com\/itayachtscanada.com\/wp-content\/uploads\/2024\/09\/Capture-decran-le-2024-09-03-a-14.21.09.jpg?resize=199%2C300&amp;ssl=1 199w, https:\/\/i0.wp.com\/itayachtscanada.com\/wp-content\/uploads\/2024\/09\/Capture-decran-le-2024-09-03-a-14.21.09.jpg?resize=266%2C400&amp;ssl=1 266w\" width=\"219\" height=\"330\" loading=\"lazy\" data-original-width=\"219\" data-original-height=\"330\" itemprop=\"http:\/\/schema.org\/image\" title=\"Capture d\u2019e\u0301cran, le 2024-09-03 a\u0300 14.21.09\" alt=\"Capture d\u2019e\u0301cran, le 2024-09-03 a\u0300 14.21.09\" style=\"width: 219px; height: 330px;\" \/> <\/a> <\/div> <\/div> <!-- close group --> <\/div> <!-- close row --> <div class=\"gallery-row\" style=\"width: 700px; height: 327px;\" data-original-width=\"700\" data-original-height=\"327\" > <div class=\"gallery-group images-1\" style=\"width: 488px; height: 327px;\" data-original-width=\"488\" data-original-height=\"327\" > <div class=\"tiled-gallery-item tiled-gallery-item-large\" itemprop=\"associatedMedia\" itemscope itemtype=\"http:\/\/schema.org\/ImageObject\"> <a href=\"https:\/\/itayachtscanada.com\/fr\/listing\/ferretti-custom-line-106-2023-10995000-usd-for-sale\/capture-decran-le-2024-09-03-a-14-21-05\/\" border=\"0\" itemprop=\"url\"> <meta itemprop=\"width\" content=\"484\"> <meta itemprop=\"height\" content=\"323\"> <img decoding=\"async\" class=\"\" data-attachment-id=\"175896\" data-orig-file=\"https:\/\/itayachtscanada.com\/wp-content\/uploads\/2024\/09\/Capture-decran-le-2024-09-03-a-14.21.05.jpg\" data-orig-size=\"1506,1006\" data-comments-opened=\"1\" data-image-meta=\"{&quot;aperture&quot;:&quot;0&quot;,&quot;credit&quot;:&quot;&quot;,&quot;camera&quot;:&quot;&quot;,&quot;caption&quot;:&quot;&quot;,&quot;created_timestamp&quot;:&quot;0&quot;,&quot;copyright&quot;:&quot;&quot;,&quot;focal_length&quot;:&quot;0&quot;,&quot;iso&quot;:&quot;0&quot;,&quot;shutter_speed&quot;:&quot;0&quot;,&quot;title&quot;:&quot;&quot;,&quot;orientation&quot;:&quot;0&quot;}\" data-image-title=\"Capture d\u2019e\u0301cran, le 2024-09-03 a\u0300 14.21.05\" data-image-description=\"\" data-medium-file=\"https:\/\/i0.wp.com\/itayachtscanada.com\/wp-content\/uploads\/2024\/09\/Capture-decran-le-2024-09-03-a-14.21.05.jpg?fit=300%2C200&#038;ssl=1\" data-large-file=\"https:\/\/i0.wp.com\/itayachtscanada.com\/wp-content\/uploads\/2024\/09\/Capture-decran-le-2024-09-03-a-14.21.05.jpg?fit=700%2C468&#038;ssl=1\" src=\"https:\/\/i0.wp.com\/itayachtscanada.com\/wp-content\/uploads\/2024\/09\/Capture-decran-le-2024-09-03-a-14.21.05.jpg?w=484&#038;h=323&#038;ssl=1\" srcset=\"https:\/\/i0.wp.com\/itayachtscanada.com\/wp-content\/uploads\/2024\/09\/Capture-decran-le-2024-09-03-a-14.21.05.jpg?w=1506&amp;ssl=1 1506w, https:\/\/i0.wp.com\/itayachtscanada.com\/wp-content\/uploads\/2024\/09\/Capture-decran-le-2024-09-03-a-14.21.05.jpg?resize=300%2C200&amp;ssl=1 300w, https:\/\/i0.wp.com\/itayachtscanada.com\/wp-content\/uploads\/2024\/09\/Capture-decran-le-2024-09-03-a-14.21.05.jpg?resize=1024%2C684&amp;ssl=1 1024w, https:\/\/i0.wp.com\/itayachtscanada.com\/wp-content\/uploads\/2024\/09\/Capture-decran-le-2024-09-03-a-14.21.05.jpg?resize=768%2C513&amp;ssl=1 768w, https:\/\/i0.wp.com\/itayachtscanada.com\/wp-content\/uploads\/2024\/09\/Capture-decran-le-2024-09-03-a-14.21.05.jpg?resize=700%2C468&amp;ssl=1 700w, https:\/\/i0.wp.com\/itayachtscanada.com\/wp-content\/uploads\/2024\/09\/Capture-decran-le-2024-09-03-a-14.21.05.jpg?resize=900%2C600&amp;ssl=1 900w, https:\/\/i0.wp.com\/itayachtscanada.com\/wp-content\/uploads\/2024\/09\/Capture-decran-le-2024-09-03-a-14.21.05.jpg?resize=599%2C400&amp;ssl=1 599w, https:\/\/i0.wp.com\/itayachtscanada.com\/wp-content\/uploads\/2024\/09\/Capture-decran-le-2024-09-03-a-14.21.05.jpg?w=1400&amp;ssl=1 1400w\" width=\"484\" height=\"323\" loading=\"lazy\" data-original-width=\"484\" data-original-height=\"323\" itemprop=\"http:\/\/schema.org\/image\" title=\"Capture d\u2019e\u0301cran, le 2024-09-03 a\u0300 14.21.05\" alt=\"Capture d\u2019e\u0301cran, le 2024-09-03 a\u0300 14.21.05\" style=\"width: 484px; height: 323px;\" \/> <\/a> <\/div> <\/div> <!-- close group --> <div class=\"gallery-group images-1\" style=\"width: 212px; height: 327px;\" data-original-width=\"212\" data-original-height=\"327\" > <div class=\"tiled-gallery-item tiled-gallery-item-small\" itemprop=\"associatedMedia\" itemscope itemtype=\"http:\/\/schema.org\/ImageObject\"> <a href=\"https:\/\/itayachtscanada.com\/fr\/listing\/ferretti-custom-line-106-2023-10995000-usd-for-sale\/layout-ferretti-custom-line-106\/\" border=\"0\" itemprop=\"url\"> <meta itemprop=\"width\" content=\"208\"> <meta itemprop=\"height\" content=\"323\"> <img decoding=\"async\" class=\"\" data-attachment-id=\"175925\" data-orig-file=\"https:\/\/itayachtscanada.com\/wp-content\/uploads\/2024\/09\/Layout-Ferretti-Custom-Line-106.jpg\" data-orig-size=\"794,1232\" data-comments-opened=\"1\" data-image-meta=\"{&quot;aperture&quot;:&quot;0&quot;,&quot;credit&quot;:&quot;&quot;,&quot;camera&quot;:&quot;&quot;,&quot;caption&quot;:&quot;&quot;,&quot;created_timestamp&quot;:&quot;0&quot;,&quot;copyright&quot;:&quot;&quot;,&quot;focal_length&quot;:&quot;0&quot;,&quot;iso&quot;:&quot;0&quot;,&quot;shutter_speed&quot;:&quot;0&quot;,&quot;title&quot;:&quot;&quot;,&quot;orientation&quot;:&quot;0&quot;}\" data-image-title=\"Layout Ferretti Custom Line 106\" data-image-description=\"\" data-medium-file=\"https:\/\/i0.wp.com\/itayachtscanada.com\/wp-content\/uploads\/2024\/09\/Layout-Ferretti-Custom-Line-106.jpg?fit=193%2C300&#038;ssl=1\" data-large-file=\"https:\/\/i0.wp.com\/itayachtscanada.com\/wp-content\/uploads\/2024\/09\/Layout-Ferretti-Custom-Line-106.jpg?fit=660%2C1024&#038;ssl=1\" src=\"https:\/\/i0.wp.com\/itayachtscanada.com\/wp-content\/uploads\/2024\/09\/Layout-Ferretti-Custom-Line-106.jpg?w=208&#038;h=323&#038;ssl=1\" srcset=\"https:\/\/i0.wp.com\/itayachtscanada.com\/wp-content\/uploads\/2024\/09\/Layout-Ferretti-Custom-Line-106.jpg?w=794&amp;ssl=1 794w, https:\/\/i0.wp.com\/itayachtscanada.com\/wp-content\/uploads\/2024\/09\/Layout-Ferretti-Custom-Line-106.jpg?resize=193%2C300&amp;ssl=1 193w, https:\/\/i0.wp.com\/itayachtscanada.com\/wp-content\/uploads\/2024\/09\/Layout-Ferretti-Custom-Line-106.jpg?resize=660%2C1024&amp;ssl=1 660w, https:\/\/i0.wp.com\/itayachtscanada.com\/wp-content\/uploads\/2024\/09\/Layout-Ferretti-Custom-Line-106.jpg?resize=768%2C1192&amp;ssl=1 768w, https:\/\/i0.wp.com\/itayachtscanada.com\/wp-content\/uploads\/2024\/09\/Layout-Ferretti-Custom-Line-106.jpg?resize=700%2C1086&amp;ssl=1 700w, https:\/\/i0.wp.com\/itayachtscanada.com\/wp-content\/uploads\/2024\/09\/Layout-Ferretti-Custom-Line-106.jpg?resize=258%2C400&amp;ssl=1 258w\" width=\"208\" height=\"323\" loading=\"lazy\" data-original-width=\"208\" data-original-height=\"323\" itemprop=\"http:\/\/schema.org\/image\" title=\"Layout Ferretti Custom Line 106\" alt=\"Layout Ferretti Custom Line 106\" style=\"width: 208px; height: 323px;\" \/> <\/a> <\/div> <\/div> <!-- close group --> <\/div> <!-- close row --> <div class=\"gallery-row\" style=\"width: 700px; height: 503px;\" data-original-width=\"700\" data-original-height=\"503\" > <div class=\"gallery-group images-1\" style=\"width: 325px; height: 503px;\" data-original-width=\"325\" data-original-height=\"503\" > <div class=\"tiled-gallery-item tiled-gallery-item-large\" itemprop=\"associatedMedia\" itemscope itemtype=\"http:\/\/schema.org\/ImageObject\"> <a href=\"https:\/\/itayachtscanada.com\/fr\/listing\/ferretti-custom-line-106-2023-10995000-usd-for-sale\/capture-decran-le-2024-09-03-a-14-19-06\/\" border=\"0\" itemprop=\"url\"> <meta itemprop=\"width\" content=\"321\"> <meta itemprop=\"height\" content=\"499\"> <img decoding=\"async\" class=\"\" data-attachment-id=\"175924\" data-orig-file=\"https:\/\/itayachtscanada.com\/wp-content\/uploads\/2024\/09\/Capture-decran-le-2024-09-03-a-14.19.06.jpg\" data-orig-size=\"648,1006\" data-comments-opened=\"1\" data-image-meta=\"{&quot;aperture&quot;:&quot;0&quot;,&quot;credit&quot;:&quot;&quot;,&quot;camera&quot;:&quot;&quot;,&quot;caption&quot;:&quot;&quot;,&quot;created_timestamp&quot;:&quot;0&quot;,&quot;copyright&quot;:&quot;&quot;,&quot;focal_length&quot;:&quot;0&quot;,&quot;iso&quot;:&quot;0&quot;,&quot;shutter_speed&quot;:&quot;0&quot;,&quot;title&quot;:&quot;&quot;,&quot;orientation&quot;:&quot;0&quot;}\" data-image-title=\"Capture d\u2019e\u0301cran, le 2024-09-03 a\u0300 14.19.06\" data-image-description=\"\" data-medium-file=\"https:\/\/i0.wp.com\/itayachtscanada.com\/wp-content\/uploads\/2024\/09\/Capture-decran-le-2024-09-03-a-14.19.06.jpg?fit=193%2C300&#038;ssl=1\" data-large-file=\"https:\/\/i0.wp.com\/itayachtscanada.com\/wp-content\/uploads\/2024\/09\/Capture-decran-le-2024-09-03-a-14.19.06.jpg?fit=648%2C1006&#038;ssl=1\" src=\"https:\/\/i0.wp.com\/itayachtscanada.com\/wp-content\/uploads\/2024\/09\/Capture-decran-le-2024-09-03-a-14.19.06.jpg?w=321&#038;h=499&#038;ssl=1\" srcset=\"https:\/\/i0.wp.com\/itayachtscanada.com\/wp-content\/uploads\/2024\/09\/Capture-decran-le-2024-09-03-a-14.19.06.jpg?w=648&amp;ssl=1 648w, https:\/\/i0.wp.com\/itayachtscanada.com\/wp-content\/uploads\/2024\/09\/Capture-decran-le-2024-09-03-a-14.19.06.jpg?resize=193%2C300&amp;ssl=1 193w, https:\/\/i0.wp.com\/itayachtscanada.com\/wp-content\/uploads\/2024\/09\/Capture-decran-le-2024-09-03-a-14.19.06.jpg?resize=258%2C400&amp;ssl=1 258w\" width=\"321\" height=\"499\" loading=\"lazy\" data-original-width=\"321\" data-original-height=\"499\" itemprop=\"http:\/\/schema.org\/image\" title=\"Capture d\u2019e\u0301cran, le 2024-09-03 a\u0300 14.19.06\" alt=\"Capture d\u2019e\u0301cran, le 2024-09-03 a\u0300 14.19.06\" style=\"width: 321px; height: 499px;\" \/> <\/a> <\/div> <\/div> <!-- close group --> <div class=\"gallery-group images-2\" style=\"width: 375px; height: 503px;\" data-original-width=\"375\" data-original-height=\"503\" > <div class=\"tiled-gallery-item tiled-gallery-item-large\" itemprop=\"associatedMedia\" itemscope itemtype=\"http:\/\/schema.org\/ImageObject\"> <a href=\"https:\/\/itayachtscanada.com\/fr\/listing\/ferretti-custom-line-106-2023-10995000-usd-for-sale\/capture-decran-le-2024-09-03-a-14-21-02\/\" border=\"0\" itemprop=\"url\"> <meta itemprop=\"width\" content=\"371\"> <meta itemprop=\"height\" content=\"248\"> <img decoding=\"async\" class=\"\" data-attachment-id=\"175897\" data-orig-file=\"https:\/\/itayachtscanada.com\/wp-content\/uploads\/2024\/09\/Capture-decran-le-2024-09-03-a-14.21.02.jpg\" data-orig-size=\"1506,1006\" data-comments-opened=\"1\" data-image-meta=\"{&quot;aperture&quot;:&quot;0&quot;,&quot;credit&quot;:&quot;&quot;,&quot;camera&quot;:&quot;&quot;,&quot;caption&quot;:&quot;&quot;,&quot;created_timestamp&quot;:&quot;0&quot;,&quot;copyright&quot;:&quot;&quot;,&quot;focal_length&quot;:&quot;0&quot;,&quot;iso&quot;:&quot;0&quot;,&quot;shutter_speed&quot;:&quot;0&quot;,&quot;title&quot;:&quot;&quot;,&quot;orientation&quot;:&quot;0&quot;}\" data-image-title=\"Capture d\u2019e\u0301cran, le 2024-09-03 a\u0300 14.21.02\" data-image-description=\"\" data-medium-file=\"https:\/\/i0.wp.com\/itayachtscanada.com\/wp-content\/uploads\/2024\/09\/Capture-decran-le-2024-09-03-a-14.21.02.jpg?fit=300%2C200&#038;ssl=1\" data-large-file=\"https:\/\/i0.wp.com\/itayachtscanada.com\/wp-content\/uploads\/2024\/09\/Capture-decran-le-2024-09-03-a-14.21.02.jpg?fit=700%2C468&#038;ssl=1\" src=\"https:\/\/i0.wp.com\/itayachtscanada.com\/wp-content\/uploads\/2024\/09\/Capture-decran-le-2024-09-03-a-14.21.02.jpg?w=371&#038;h=248&#038;ssl=1\" srcset=\"https:\/\/i0.wp.com\/itayachtscanada.com\/wp-content\/uploads\/2024\/09\/Capture-decran-le-2024-09-03-a-14.21.02.jpg?w=1506&amp;ssl=1 1506w, https:\/\/i0.wp.com\/itayachtscanada.com\/wp-content\/uploads\/2024\/09\/Capture-decran-le-2024-09-03-a-14.21.02.jpg?resize=300%2C200&amp;ssl=1 300w, https:\/\/i0.wp.com\/itayachtscanada.com\/wp-content\/uploads\/2024\/09\/Capture-decran-le-2024-09-03-a-14.21.02.jpg?resize=1024%2C684&amp;ssl=1 1024w, https:\/\/i0.wp.com\/itayachtscanada.com\/wp-content\/uploads\/2024\/09\/Capture-decran-le-2024-09-03-a-14.21.02.jpg?resize=768%2C513&amp;ssl=1 768w, https:\/\/i0.wp.com\/itayachtscanada.com\/wp-content\/uploads\/2024\/09\/Capture-decran-le-2024-09-03-a-14.21.02.jpg?resize=700%2C468&amp;ssl=1 700w, https:\/\/i0.wp.com\/itayachtscanada.com\/wp-content\/uploads\/2024\/09\/Capture-decran-le-2024-09-03-a-14.21.02.jpg?resize=900%2C600&amp;ssl=1 900w, https:\/\/i0.wp.com\/itayachtscanada.com\/wp-content\/uploads\/2024\/09\/Capture-decran-le-2024-09-03-a-14.21.02.jpg?resize=599%2C400&amp;ssl=1 599w, https:\/\/i0.wp.com\/itayachtscanada.com\/wp-content\/uploads\/2024\/09\/Capture-decran-le-2024-09-03-a-14.21.02.jpg?w=1400&amp;ssl=1 1400w\" width=\"371\" height=\"248\" loading=\"lazy\" data-original-width=\"371\" data-original-height=\"248\" itemprop=\"http:\/\/schema.org\/image\" title=\"Capture d\u2019e\u0301cran, le 2024-09-03 a\u0300 14.21.02\" alt=\"Capture d\u2019e\u0301cran, le 2024-09-03 a\u0300 14.21.02\" style=\"width: 371px; height: 248px;\" \/> <\/a> <\/div> <div class=\"tiled-gallery-item tiled-gallery-item-large\" itemprop=\"associatedMedia\" itemscope itemtype=\"http:\/\/schema.org\/ImageObject\"> <a href=\"https:\/\/itayachtscanada.com\/fr\/listing\/ferretti-custom-line-106-2023-10995000-usd-for-sale\/capture-decran-le-2024-09-03-a-14-20-59\/\" border=\"0\" itemprop=\"url\"> <meta itemprop=\"width\" content=\"371\"> <meta itemprop=\"height\" content=\"247\"> <img decoding=\"async\" class=\"\" data-attachment-id=\"175898\" data-orig-file=\"https:\/\/itayachtscanada.com\/wp-content\/uploads\/2024\/09\/Capture-decran-le-2024-09-03-a-14.20.59.jpg\" data-orig-size=\"1506,1006\" data-comments-opened=\"1\" data-image-meta=\"{&quot;aperture&quot;:&quot;0&quot;,&quot;credit&quot;:&quot;&quot;,&quot;camera&quot;:&quot;&quot;,&quot;caption&quot;:&quot;&quot;,&quot;created_timestamp&quot;:&quot;0&quot;,&quot;copyright&quot;:&quot;&quot;,&quot;focal_length&quot;:&quot;0&quot;,&quot;iso&quot;:&quot;0&quot;,&quot;shutter_speed&quot;:&quot;0&quot;,&quot;title&quot;:&quot;&quot;,&quot;orientation&quot;:&quot;0&quot;}\" data-image-title=\"Capture d\u2019e\u0301cran, le 2024-09-03 a\u0300 14.20.59\" data-image-description=\"\" data-medium-file=\"https:\/\/i0.wp.com\/itayachtscanada.com\/wp-content\/uploads\/2024\/09\/Capture-decran-le-2024-09-03-a-14.20.59.jpg?fit=300%2C200&#038;ssl=1\" data-large-file=\"https:\/\/i0.wp.com\/itayachtscanada.com\/wp-content\/uploads\/2024\/09\/Capture-decran-le-2024-09-03-a-14.20.59.jpg?fit=700%2C468&#038;ssl=1\" src=\"https:\/\/i0.wp.com\/itayachtscanada.com\/wp-content\/uploads\/2024\/09\/Capture-decran-le-2024-09-03-a-14.20.59.jpg?w=371&#038;h=247&#038;ssl=1\" srcset=\"https:\/\/i0.wp.com\/itayachtscanada.com\/wp-content\/uploads\/2024\/09\/Capture-decran-le-2024-09-03-a-14.20.59.jpg?w=1506&amp;ssl=1 1506w, https:\/\/i0.wp.com\/itayachtscanada.com\/wp-content\/uploads\/2024\/09\/Capture-decran-le-2024-09-03-a-14.20.59.jpg?resize=300%2C200&amp;ssl=1 300w, https:\/\/i0.wp.com\/itayachtscanada.com\/wp-content\/uploads\/2024\/09\/Capture-decran-le-2024-09-03-a-14.20.59.jpg?resize=1024%2C684&amp;ssl=1 1024w, https:\/\/i0.wp.com\/itayachtscanada.com\/wp-content\/uploads\/2024\/09\/Capture-decran-le-2024-09-03-a-14.20.59.jpg?resize=768%2C513&amp;ssl=1 768w, https:\/\/i0.wp.com\/itayachtscanada.com\/wp-content\/uploads\/2024\/09\/Capture-decran-le-2024-09-03-a-14.20.59.jpg?resize=700%2C468&amp;ssl=1 700w, https:\/\/i0.wp.com\/itayachtscanada.com\/wp-content\/uploads\/2024\/09\/Capture-decran-le-2024-09-03-a-14.20.59.jpg?resize=900%2C600&amp;ssl=1 900w, https:\/\/i0.wp.com\/itayachtscanada.com\/wp-content\/uploads\/2024\/09\/Capture-decran-le-2024-09-03-a-14.20.59.jpg?resize=599%2C400&amp;ssl=1 599w, https:\/\/i0.wp.com\/itayachtscanada.com\/wp-content\/uploads\/2024\/09\/Capture-decran-le-2024-09-03-a-14.20.59.jpg?w=1400&amp;ssl=1 1400w\" width=\"371\" height=\"247\" loading=\"lazy\" data-original-width=\"371\" data-original-height=\"247\" itemprop=\"http:\/\/schema.org\/image\" title=\"Capture d\u2019e\u0301cran, le 2024-09-03 a\u0300 14.20.59\" alt=\"Capture d\u2019e\u0301cran, le 2024-09-03 a\u0300 14.20.59\" style=\"width: 371px; height: 247px;\" \/> <\/a> <\/div> <\/div> <!-- close group --> <\/div> <!-- close row --> <div class=\"gallery-row\" style=\"width: 700px; height: 157px;\" data-original-width=\"700\" data-original-height=\"157\" > <div class=\"gallery-group images-1\" style=\"width: 234px; height: 157px;\" data-original-width=\"234\" data-original-height=\"157\" > <div class=\"tiled-gallery-item tiled-gallery-item-small\" itemprop=\"associatedMedia\" itemscope itemtype=\"http:\/\/schema.org\/ImageObject\"> <a href=\"https:\/\/itayachtscanada.com\/fr\/listing\/ferretti-custom-line-106-2023-10995000-usd-for-sale\/capture-decran-le-2024-09-03-a-14-20-56\/\" border=\"0\" itemprop=\"url\"> <meta itemprop=\"width\" content=\"230\"> <meta itemprop=\"height\" content=\"153\"> <img decoding=\"async\" class=\"\" data-attachment-id=\"175899\" data-orig-file=\"https:\/\/itayachtscanada.com\/wp-content\/uploads\/2024\/09\/Capture-decran-le-2024-09-03-a-14.20.56.jpg\" data-orig-size=\"1506,1006\" data-comments-opened=\"1\" data-image-meta=\"{&quot;aperture&quot;:&quot;0&quot;,&quot;credit&quot;:&quot;&quot;,&quot;camera&quot;:&quot;&quot;,&quot;caption&quot;:&quot;&quot;,&quot;created_timestamp&quot;:&quot;0&quot;,&quot;copyright&quot;:&quot;&quot;,&quot;focal_length&quot;:&quot;0&quot;,&quot;iso&quot;:&quot;0&quot;,&quot;shutter_speed&quot;:&quot;0&quot;,&quot;title&quot;:&quot;&quot;,&quot;orientation&quot;:&quot;0&quot;}\" data-image-title=\"Capture d\u2019e\u0301cran, le 2024-09-03 a\u0300 14.20.56\" data-image-description=\"\" data-medium-file=\"https:\/\/i0.wp.com\/itayachtscanada.com\/wp-content\/uploads\/2024\/09\/Capture-decran-le-2024-09-03-a-14.20.56.jpg?fit=300%2C200&#038;ssl=1\" data-large-file=\"https:\/\/i0.wp.com\/itayachtscanada.com\/wp-content\/uploads\/2024\/09\/Capture-decran-le-2024-09-03-a-14.20.56.jpg?fit=700%2C468&#038;ssl=1\" src=\"https:\/\/i0.wp.com\/itayachtscanada.com\/wp-content\/uploads\/2024\/09\/Capture-decran-le-2024-09-03-a-14.20.56.jpg?w=230&#038;h=153&#038;ssl=1\" srcset=\"https:\/\/i0.wp.com\/itayachtscanada.com\/wp-content\/uploads\/2024\/09\/Capture-decran-le-2024-09-03-a-14.20.56.jpg?w=1506&amp;ssl=1 1506w, https:\/\/i0.wp.com\/itayachtscanada.com\/wp-content\/uploads\/2024\/09\/Capture-decran-le-2024-09-03-a-14.20.56.jpg?resize=300%2C200&amp;ssl=1 300w, https:\/\/i0.wp.com\/itayachtscanada.com\/wp-content\/uploads\/2024\/09\/Capture-decran-le-2024-09-03-a-14.20.56.jpg?resize=1024%2C684&amp;ssl=1 1024w, https:\/\/i0.wp.com\/itayachtscanada.com\/wp-content\/uploads\/2024\/09\/Capture-decran-le-2024-09-03-a-14.20.56.jpg?resize=768%2C513&amp;ssl=1 768w, https:\/\/i0.wp.com\/itayachtscanada.com\/wp-content\/uploads\/2024\/09\/Capture-decran-le-2024-09-03-a-14.20.56.jpg?resize=700%2C468&amp;ssl=1 700w, https:\/\/i0.wp.com\/itayachtscanada.com\/wp-content\/uploads\/2024\/09\/Capture-decran-le-2024-09-03-a-14.20.56.jpg?resize=900%2C600&amp;ssl=1 900w, https:\/\/i0.wp.com\/itayachtscanada.com\/wp-content\/uploads\/2024\/09\/Capture-decran-le-2024-09-03-a-14.20.56.jpg?resize=599%2C400&amp;ssl=1 599w, https:\/\/i0.wp.com\/itayachtscanada.com\/wp-content\/uploads\/2024\/09\/Capture-decran-le-2024-09-03-a-14.20.56.jpg?w=1400&amp;ssl=1 1400w\" width=\"230\" height=\"153\" loading=\"lazy\" data-original-width=\"230\" data-original-height=\"153\" itemprop=\"http:\/\/schema.org\/image\" title=\"Capture d\u2019e\u0301cran, le 2024-09-03 a\u0300 14.20.56\" alt=\"Capture d\u2019e\u0301cran, le 2024-09-03 a\u0300 14.20.56\" style=\"width: 230px; height: 153px;\" \/> <\/a> <\/div> <\/div> <!-- close group --> <div class=\"gallery-group images-1\" style=\"width: 233px; height: 157px;\" data-original-width=\"233\" data-original-height=\"157\" > <div class=\"tiled-gallery-item tiled-gallery-item-small\" itemprop=\"associatedMedia\" itemscope itemtype=\"http:\/\/schema.org\/ImageObject\"> <a href=\"https:\/\/itayachtscanada.com\/fr\/listing\/ferretti-custom-line-106-2023-10995000-usd-for-sale\/capture-decran-le-2024-09-03-a-14-20-53\/\" border=\"0\" itemprop=\"url\"> <meta itemprop=\"width\" content=\"229\"> <meta itemprop=\"height\" content=\"153\"> <img decoding=\"async\" class=\"\" data-attachment-id=\"175900\" data-orig-file=\"https:\/\/itayachtscanada.com\/wp-content\/uploads\/2024\/09\/Capture-decran-le-2024-09-03-a-14.20.53.jpg\" data-orig-size=\"1506,1006\" data-comments-opened=\"1\" data-image-meta=\"{&quot;aperture&quot;:&quot;0&quot;,&quot;credit&quot;:&quot;&quot;,&quot;camera&quot;:&quot;&quot;,&quot;caption&quot;:&quot;&quot;,&quot;created_timestamp&quot;:&quot;0&quot;,&quot;copyright&quot;:&quot;&quot;,&quot;focal_length&quot;:&quot;0&quot;,&quot;iso&quot;:&quot;0&quot;,&quot;shutter_speed&quot;:&quot;0&quot;,&quot;title&quot;:&quot;&quot;,&quot;orientation&quot;:&quot;0&quot;}\" data-image-title=\"Capture d\u2019e\u0301cran, le 2024-09-03 a\u0300 14.20.53\" data-image-description=\"\" data-medium-file=\"https:\/\/i0.wp.com\/itayachtscanada.com\/wp-content\/uploads\/2024\/09\/Capture-decran-le-2024-09-03-a-14.20.53.jpg?fit=300%2C200&#038;ssl=1\" data-large-file=\"https:\/\/i0.wp.com\/itayachtscanada.com\/wp-content\/uploads\/2024\/09\/Capture-decran-le-2024-09-03-a-14.20.53.jpg?fit=700%2C468&#038;ssl=1\" src=\"https:\/\/i0.wp.com\/itayachtscanada.com\/wp-content\/uploads\/2024\/09\/Capture-decran-le-2024-09-03-a-14.20.53.jpg?w=229&#038;h=153&#038;ssl=1\" srcset=\"https:\/\/i0.wp.com\/itayachtscanada.com\/wp-content\/uploads\/2024\/09\/Capture-decran-le-2024-09-03-a-14.20.53.jpg?w=1506&amp;ssl=1 1506w, https:\/\/i0.wp.com\/itayachtscanada.com\/wp-content\/uploads\/2024\/09\/Capture-decran-le-2024-09-03-a-14.20.53.jpg?resize=300%2C200&amp;ssl=1 300w, https:\/\/i0.wp.com\/itayachtscanada.com\/wp-content\/uploads\/2024\/09\/Capture-decran-le-2024-09-03-a-14.20.53.jpg?resize=1024%2C684&amp;ssl=1 1024w, https:\/\/i0.wp.com\/itayachtscanada.com\/wp-content\/uploads\/2024\/09\/Capture-decran-le-2024-09-03-a-14.20.53.jpg?resize=768%2C513&amp;ssl=1 768w, https:\/\/i0.wp.com\/itayachtscanada.com\/wp-content\/uploads\/2024\/09\/Capture-decran-le-2024-09-03-a-14.20.53.jpg?resize=700%2C468&amp;ssl=1 700w, https:\/\/i0.wp.com\/itayachtscanada.com\/wp-content\/uploads\/2024\/09\/Capture-decran-le-2024-09-03-a-14.20.53.jpg?resize=900%2C600&amp;ssl=1 900w, https:\/\/i0.wp.com\/itayachtscanada.com\/wp-content\/uploads\/2024\/09\/Capture-decran-le-2024-09-03-a-14.20.53.jpg?resize=599%2C400&amp;ssl=1 599w, https:\/\/i0.wp.com\/itayachtscanada.com\/wp-content\/uploads\/2024\/09\/Capture-decran-le-2024-09-03-a-14.20.53.jpg?w=1400&amp;ssl=1 1400w\" width=\"229\" height=\"153\" loading=\"lazy\" data-original-width=\"229\" data-original-height=\"153\" itemprop=\"http:\/\/schema.org\/image\" title=\"Capture d\u2019e\u0301cran, le 2024-09-03 a\u0300 14.20.53\" alt=\"Capture d\u2019e\u0301cran, le 2024-09-03 a\u0300 14.20.53\" style=\"width: 229px; height: 153px;\" \/> <\/a> <\/div> <\/div> <!-- close group --> <div class=\"gallery-group images-1\" style=\"width: 233px; height: 157px;\" data-original-width=\"233\" data-original-height=\"157\" > <div class=\"tiled-gallery-item tiled-gallery-item-small\" itemprop=\"associatedMedia\" itemscope itemtype=\"http:\/\/schema.org\/ImageObject\"> <a href=\"https:\/\/itayachtscanada.com\/fr\/listing\/ferretti-custom-line-106-2023-10995000-usd-for-sale\/capture-decran-le-2024-09-03-a-14-20-49\/\" border=\"0\" itemprop=\"url\"> <meta itemprop=\"width\" content=\"229\"> <meta itemprop=\"height\" content=\"153\"> <img decoding=\"async\" class=\"\" data-attachment-id=\"175901\" data-orig-file=\"https:\/\/itayachtscanada.com\/wp-content\/uploads\/2024\/09\/Capture-decran-le-2024-09-03-a-14.20.49.jpg\" data-orig-size=\"1506,1006\" data-comments-opened=\"1\" data-image-meta=\"{&quot;aperture&quot;:&quot;0&quot;,&quot;credit&quot;:&quot;&quot;,&quot;camera&quot;:&quot;&quot;,&quot;caption&quot;:&quot;&quot;,&quot;created_timestamp&quot;:&quot;0&quot;,&quot;copyright&quot;:&quot;&quot;,&quot;focal_length&quot;:&quot;0&quot;,&quot;iso&quot;:&quot;0&quot;,&quot;shutter_speed&quot;:&quot;0&quot;,&quot;title&quot;:&quot;&quot;,&quot;orientation&quot;:&quot;0&quot;}\" data-image-title=\"Capture d\u2019e\u0301cran, le 2024-09-03 a\u0300 14.20.49\" data-image-description=\"\" data-medium-file=\"https:\/\/i0.wp.com\/itayachtscanada.com\/wp-content\/uploads\/2024\/09\/Capture-decran-le-2024-09-03-a-14.20.49.jpg?fit=300%2C200&#038;ssl=1\" data-large-file=\"https:\/\/i0.wp.com\/itayachtscanada.com\/wp-content\/uploads\/2024\/09\/Capture-decran-le-2024-09-03-a-14.20.49.jpg?fit=700%2C468&#038;ssl=1\" src=\"https:\/\/i0.wp.com\/itayachtscanada.com\/wp-content\/uploads\/2024\/09\/Capture-decran-le-2024-09-03-a-14.20.49.jpg?w=229&#038;h=153&#038;ssl=1\" srcset=\"https:\/\/i0.wp.com\/itayachtscanada.com\/wp-content\/uploads\/2024\/09\/Capture-decran-le-2024-09-03-a-14.20.49.jpg?w=1506&amp;ssl=1 1506w, https:\/\/i0.wp.com\/itayachtscanada.com\/wp-content\/uploads\/2024\/09\/Capture-decran-le-2024-09-03-a-14.20.49.jpg?resize=300%2C200&amp;ssl=1 300w, https:\/\/i0.wp.com\/itayachtscanada.com\/wp-content\/uploads\/2024\/09\/Capture-decran-le-2024-09-03-a-14.20.49.jpg?resize=1024%2C684&amp;ssl=1 1024w, https:\/\/i0.wp.com\/itayachtscanada.com\/wp-content\/uploads\/2024\/09\/Capture-decran-le-2024-09-03-a-14.20.49.jpg?resize=768%2C513&amp;ssl=1 768w, https:\/\/i0.wp.com\/itayachtscanada.com\/wp-content\/uploads\/2024\/09\/Capture-decran-le-2024-09-03-a-14.20.49.jpg?resize=700%2C468&amp;ssl=1 700w, https:\/\/i0.wp.com\/itayachtscanada.com\/wp-content\/uploads\/2024\/09\/Capture-decran-le-2024-09-03-a-14.20.49.jpg?resize=900%2C600&amp;ssl=1 900w, https:\/\/i0.wp.com\/itayachtscanada.com\/wp-content\/uploads\/2024\/09\/Capture-decran-le-2024-09-03-a-14.20.49.jpg?resize=599%2C400&amp;ssl=1 599w, https:\/\/i0.wp.com\/itayachtscanada.com\/wp-content\/uploads\/2024\/09\/Capture-decran-le-2024-09-03-a-14.20.49.jpg?w=1400&amp;ssl=1 1400w\" width=\"229\" height=\"153\" loading=\"lazy\" data-original-width=\"229\" data-original-height=\"153\" itemprop=\"http:\/\/schema.org\/image\" title=\"Capture d\u2019e\u0301cran, le 2024-09-03 a\u0300 14.20.49\" alt=\"Capture d\u2019e\u0301cran, le 2024-09-03 a\u0300 14.20.49\" style=\"width: 229px; height: 153px;\" \/> <\/a> <\/div> <\/div> <!-- close group --> <\/div> <!-- close row --> <div class=\"gallery-row\" style=\"width: 700px; height: 314px;\" data-original-width=\"700\" data-original-height=\"314\" > <div class=\"gallery-group images-2\" style=\"width: 233px; height: 314px;\" data-original-width=\"233\" data-original-height=\"314\" > <div class=\"tiled-gallery-item tiled-gallery-item-small\" itemprop=\"associatedMedia\" itemscope itemtype=\"http:\/\/schema.org\/ImageObject\"> <a href=\"https:\/\/itayachtscanada.com\/fr\/listing\/ferretti-custom-line-106-2023-10995000-usd-for-sale\/capture-decran-le-2024-09-03-a-14-20-46\/\" border=\"0\" itemprop=\"url\"> <meta itemprop=\"width\" content=\"229\"> <meta itemprop=\"height\" content=\"153\"> <img decoding=\"async\" class=\"\" data-attachment-id=\"175902\" data-orig-file=\"https:\/\/itayachtscanada.com\/wp-content\/uploads\/2024\/09\/Capture-decran-le-2024-09-03-a-14.20.46.jpg\" data-orig-size=\"1506,1006\" data-comments-opened=\"1\" data-image-meta=\"{&quot;aperture&quot;:&quot;0&quot;,&quot;credit&quot;:&quot;&quot;,&quot;camera&quot;:&quot;&quot;,&quot;caption&quot;:&quot;&quot;,&quot;created_timestamp&quot;:&quot;0&quot;,&quot;copyright&quot;:&quot;&quot;,&quot;focal_length&quot;:&quot;0&quot;,&quot;iso&quot;:&quot;0&quot;,&quot;shutter_speed&quot;:&quot;0&quot;,&quot;title&quot;:&quot;&quot;,&quot;orientation&quot;:&quot;0&quot;}\" data-image-title=\"Capture d\u2019e\u0301cran, le 2024-09-03 a\u0300 14.20.46\" data-image-description=\"\" data-medium-file=\"https:\/\/i0.wp.com\/itayachtscanada.com\/wp-content\/uploads\/2024\/09\/Capture-decran-le-2024-09-03-a-14.20.46.jpg?fit=300%2C200&#038;ssl=1\" data-large-file=\"https:\/\/i0.wp.com\/itayachtscanada.com\/wp-content\/uploads\/2024\/09\/Capture-decran-le-2024-09-03-a-14.20.46.jpg?fit=700%2C468&#038;ssl=1\" src=\"https:\/\/i0.wp.com\/itayachtscanada.com\/wp-content\/uploads\/2024\/09\/Capture-decran-le-2024-09-03-a-14.20.46.jpg?w=229&#038;h=153&#038;ssl=1\" srcset=\"https:\/\/i0.wp.com\/itayachtscanada.com\/wp-content\/uploads\/2024\/09\/Capture-decran-le-2024-09-03-a-14.20.46.jpg?w=1506&amp;ssl=1 1506w, https:\/\/i0.wp.com\/itayachtscanada.com\/wp-content\/uploads\/2024\/09\/Capture-decran-le-2024-09-03-a-14.20.46.jpg?resize=300%2C200&amp;ssl=1 300w, https:\/\/i0.wp.com\/itayachtscanada.com\/wp-content\/uploads\/2024\/09\/Capture-decran-le-2024-09-03-a-14.20.46.jpg?resize=1024%2C684&amp;ssl=1 1024w, https:\/\/i0.wp.com\/itayachtscanada.com\/wp-content\/uploads\/2024\/09\/Capture-decran-le-2024-09-03-a-14.20.46.jpg?resize=768%2C513&amp;ssl=1 768w, https:\/\/i0.wp.com\/itayachtscanada.com\/wp-content\/uploads\/2024\/09\/Capture-decran-le-2024-09-03-a-14.20.46.jpg?resize=700%2C468&amp;ssl=1 700w, https:\/\/i0.wp.com\/itayachtscanada.com\/wp-content\/uploads\/2024\/09\/Capture-decran-le-2024-09-03-a-14.20.46.jpg?resize=900%2C600&amp;ssl=1 900w, https:\/\/i0.wp.com\/itayachtscanada.com\/wp-content\/uploads\/2024\/09\/Capture-decran-le-2024-09-03-a-14.20.46.jpg?resize=599%2C400&amp;ssl=1 599w, https:\/\/i0.wp.com\/itayachtscanada.com\/wp-content\/uploads\/2024\/09\/Capture-decran-le-2024-09-03-a-14.20.46.jpg?w=1400&amp;ssl=1 1400w\" width=\"229\" height=\"153\" loading=\"lazy\" data-original-width=\"229\" data-original-height=\"153\" itemprop=\"http:\/\/schema.org\/image\" title=\"Capture d\u2019e\u0301cran, le 2024-09-03 a\u0300 14.20.46\" alt=\"Capture d\u2019e\u0301cran, le 2024-09-03 a\u0300 14.20.46\" style=\"width: 229px; height: 153px;\" \/> <\/a> <\/div> <div class=\"tiled-gallery-item tiled-gallery-item-small\" itemprop=\"associatedMedia\" itemscope itemtype=\"http:\/\/schema.org\/ImageObject\"> <a href=\"https:\/\/itayachtscanada.com\/fr\/listing\/ferretti-custom-line-106-2023-10995000-usd-for-sale\/capture-decran-le-2024-09-03-a-14-20-43\/\" border=\"0\" itemprop=\"url\"> <meta itemprop=\"width\" content=\"229\"> <meta itemprop=\"height\" content=\"153\"> <img decoding=\"async\" class=\"\" data-attachment-id=\"175903\" data-orig-file=\"https:\/\/itayachtscanada.com\/wp-content\/uploads\/2024\/09\/Capture-decran-le-2024-09-03-a-14.20.43.jpg\" data-orig-size=\"1506,1006\" data-comments-opened=\"1\" data-image-meta=\"{&quot;aperture&quot;:&quot;0&quot;,&quot;credit&quot;:&quot;&quot;,&quot;camera&quot;:&quot;&quot;,&quot;caption&quot;:&quot;&quot;,&quot;created_timestamp&quot;:&quot;0&quot;,&quot;copyright&quot;:&quot;&quot;,&quot;focal_length&quot;:&quot;0&quot;,&quot;iso&quot;:&quot;0&quot;,&quot;shutter_speed&quot;:&quot;0&quot;,&quot;title&quot;:&quot;&quot;,&quot;orientation&quot;:&quot;0&quot;}\" data-image-title=\"Capture d\u2019e\u0301cran, le 2024-09-03 a\u0300 14.20.43\" data-image-description=\"\" data-medium-file=\"https:\/\/i0.wp.com\/itayachtscanada.com\/wp-content\/uploads\/2024\/09\/Capture-decran-le-2024-09-03-a-14.20.43.jpg?fit=300%2C200&#038;ssl=1\" data-large-file=\"https:\/\/i0.wp.com\/itayachtscanada.com\/wp-content\/uploads\/2024\/09\/Capture-decran-le-2024-09-03-a-14.20.43.jpg?fit=700%2C468&#038;ssl=1\" src=\"https:\/\/i0.wp.com\/itayachtscanada.com\/wp-content\/uploads\/2024\/09\/Capture-decran-le-2024-09-03-a-14.20.43.jpg?w=229&#038;h=153&#038;ssl=1\" srcset=\"https:\/\/i0.wp.com\/itayachtscanada.com\/wp-content\/uploads\/2024\/09\/Capture-decran-le-2024-09-03-a-14.20.43.jpg?w=1506&amp;ssl=1 1506w, https:\/\/i0.wp.com\/itayachtscanada.com\/wp-content\/uploads\/2024\/09\/Capture-decran-le-2024-09-03-a-14.20.43.jpg?resize=300%2C200&amp;ssl=1 300w, https:\/\/i0.wp.com\/itayachtscanada.com\/wp-content\/uploads\/2024\/09\/Capture-decran-le-2024-09-03-a-14.20.43.jpg?resize=1024%2C684&amp;ssl=1 1024w, https:\/\/i0.wp.com\/itayachtscanada.com\/wp-content\/uploads\/2024\/09\/Capture-decran-le-2024-09-03-a-14.20.43.jpg?resize=768%2C513&amp;ssl=1 768w, https:\/\/i0.wp.com\/itayachtscanada.com\/wp-content\/uploads\/2024\/09\/Capture-decran-le-2024-09-03-a-14.20.43.jpg?resize=700%2C468&amp;ssl=1 700w, https:\/\/i0.wp.com\/itayachtscanada.com\/wp-content\/uploads\/2024\/09\/Capture-decran-le-2024-09-03-a-14.20.43.jpg?resize=900%2C600&amp;ssl=1 900w, https:\/\/i0.wp.com\/itayachtscanada.com\/wp-content\/uploads\/2024\/09\/Capture-decran-le-2024-09-03-a-14.20.43.jpg?resize=599%2C400&amp;ssl=1 599w, https:\/\/i0.wp.com\/itayachtscanada.com\/wp-content\/uploads\/2024\/09\/Capture-decran-le-2024-09-03-a-14.20.43.jpg?w=1400&amp;ssl=1 1400w\" width=\"229\" height=\"153\" loading=\"lazy\" data-original-width=\"229\" data-original-height=\"153\" itemprop=\"http:\/\/schema.org\/image\" title=\"Capture d\u2019e\u0301cran, le 2024-09-03 a\u0300 14.20.43\" alt=\"Capture d\u2019e\u0301cran, le 2024-09-03 a\u0300 14.20.43\" style=\"width: 229px; height: 153px;\" \/> <\/a> <\/div> <\/div> <!-- close group --> <div class=\"gallery-group images-1\" style=\"width: 467px; height: 314px;\" data-original-width=\"467\" data-original-height=\"314\" > <div class=\"tiled-gallery-item tiled-gallery-item-large\" itemprop=\"associatedMedia\" itemscope itemtype=\"http:\/\/schema.org\/ImageObject\"> <a href=\"https:\/\/itayachtscanada.com\/fr\/listing\/ferretti-custom-line-106-2023-10995000-usd-for-sale\/capture-decran-le-2024-09-03-a-14-20-40\/\" border=\"0\" itemprop=\"url\"> <meta itemprop=\"width\" content=\"463\"> <meta itemprop=\"height\" content=\"310\"> <img decoding=\"async\" class=\"\" data-attachment-id=\"175904\" data-orig-file=\"https:\/\/itayachtscanada.com\/wp-content\/uploads\/2024\/09\/Capture-decran-le-2024-09-03-a-14.20.40.jpg\" data-orig-size=\"1506,1006\" data-comments-opened=\"1\" data-image-meta=\"{&quot;aperture&quot;:&quot;0&quot;,&quot;credit&quot;:&quot;&quot;,&quot;camera&quot;:&quot;&quot;,&quot;caption&quot;:&quot;&quot;,&quot;created_timestamp&quot;:&quot;0&quot;,&quot;copyright&quot;:&quot;&quot;,&quot;focal_length&quot;:&quot;0&quot;,&quot;iso&quot;:&quot;0&quot;,&quot;shutter_speed&quot;:&quot;0&quot;,&quot;title&quot;:&quot;&quot;,&quot;orientation&quot;:&quot;0&quot;}\" data-image-title=\"Capture d\u2019e\u0301cran, le 2024-09-03 a\u0300 14.20.40\" data-image-description=\"\" data-medium-file=\"https:\/\/i0.wp.com\/itayachtscanada.com\/wp-content\/uploads\/2024\/09\/Capture-decran-le-2024-09-03-a-14.20.40.jpg?fit=300%2C200&#038;ssl=1\" data-large-file=\"https:\/\/i0.wp.com\/itayachtscanada.com\/wp-content\/uploads\/2024\/09\/Capture-decran-le-2024-09-03-a-14.20.40.jpg?fit=700%2C468&#038;ssl=1\" src=\"https:\/\/i0.wp.com\/itayachtscanada.com\/wp-content\/uploads\/2024\/09\/Capture-decran-le-2024-09-03-a-14.20.40.jpg?w=463&#038;h=310&#038;ssl=1\" srcset=\"https:\/\/i0.wp.com\/itayachtscanada.com\/wp-content\/uploads\/2024\/09\/Capture-decran-le-2024-09-03-a-14.20.40.jpg?w=1506&amp;ssl=1 1506w, https:\/\/i0.wp.com\/itayachtscanada.com\/wp-content\/uploads\/2024\/09\/Capture-decran-le-2024-09-03-a-14.20.40.jpg?resize=300%2C200&amp;ssl=1 300w, https:\/\/i0.wp.com\/itayachtscanada.com\/wp-content\/uploads\/2024\/09\/Capture-decran-le-2024-09-03-a-14.20.40.jpg?resize=1024%2C684&amp;ssl=1 1024w, https:\/\/i0.wp.com\/itayachtscanada.com\/wp-content\/uploads\/2024\/09\/Capture-decran-le-2024-09-03-a-14.20.40.jpg?resize=768%2C513&amp;ssl=1 768w, https:\/\/i0.wp.com\/itayachtscanada.com\/wp-content\/uploads\/2024\/09\/Capture-decran-le-2024-09-03-a-14.20.40.jpg?resize=700%2C468&amp;ssl=1 700w, https:\/\/i0.wp.com\/itayachtscanada.com\/wp-content\/uploads\/2024\/09\/Capture-decran-le-2024-09-03-a-14.20.40.jpg?resize=900%2C600&amp;ssl=1 900w, https:\/\/i0.wp.com\/itayachtscanada.com\/wp-content\/uploads\/2024\/09\/Capture-decran-le-2024-09-03-a-14.20.40.jpg?resize=599%2C400&amp;ssl=1 599w, https:\/\/i0.wp.com\/itayachtscanada.com\/wp-content\/uploads\/2024\/09\/Capture-decran-le-2024-09-03-a-14.20.40.jpg?w=1400&amp;ssl=1 1400w\" width=\"463\" height=\"310\" loading=\"lazy\" data-original-width=\"463\" data-original-height=\"310\" itemprop=\"http:\/\/schema.org\/image\" title=\"Capture d\u2019e\u0301cran, le 2024-09-03 a\u0300 14.20.40\" alt=\"Capture d\u2019e\u0301cran, le 2024-09-03 a\u0300 14.20.40\" style=\"width: 463px; height: 310px;\" \/> <\/a> <\/div> <\/div> <!-- close group --> <\/div> <!-- close row --> <div class=\"gallery-row\" style=\"width: 700px; height: 235px;\" data-original-width=\"700\" data-original-height=\"235\" > <div class=\"gallery-group images-1\" style=\"width: 350px; height: 235px;\" data-original-width=\"350\" data-original-height=\"235\" > <div class=\"tiled-gallery-item tiled-gallery-item-large\" itemprop=\"associatedMedia\" itemscope itemtype=\"http:\/\/schema.org\/ImageObject\"> <a href=\"https:\/\/itayachtscanada.com\/fr\/listing\/ferretti-custom-line-106-2023-10995000-usd-for-sale\/capture-decran-le-2024-09-03-a-14-20-36\/\" border=\"0\" itemprop=\"url\"> <meta itemprop=\"width\" content=\"346\"> <meta itemprop=\"height\" content=\"231\"> <img decoding=\"async\" class=\"\" data-attachment-id=\"175905\" data-orig-file=\"https:\/\/itayachtscanada.com\/wp-content\/uploads\/2024\/09\/Capture-decran-le-2024-09-03-a-14.20.36.jpg\" data-orig-size=\"1506,1006\" data-comments-opened=\"1\" data-image-meta=\"{&quot;aperture&quot;:&quot;0&quot;,&quot;credit&quot;:&quot;&quot;,&quot;camera&quot;:&quot;&quot;,&quot;caption&quot;:&quot;&quot;,&quot;created_timestamp&quot;:&quot;0&quot;,&quot;copyright&quot;:&quot;&quot;,&quot;focal_length&quot;:&quot;0&quot;,&quot;iso&quot;:&quot;0&quot;,&quot;shutter_speed&quot;:&quot;0&quot;,&quot;title&quot;:&quot;&quot;,&quot;orientation&quot;:&quot;0&quot;}\" data-image-title=\"Capture d\u2019e\u0301cran, le 2024-09-03 a\u0300 14.20.36\" data-image-description=\"\" data-medium-file=\"https:\/\/i0.wp.com\/itayachtscanada.com\/wp-content\/uploads\/2024\/09\/Capture-decran-le-2024-09-03-a-14.20.36.jpg?fit=300%2C200&#038;ssl=1\" data-large-file=\"https:\/\/i0.wp.com\/itayachtscanada.com\/wp-content\/uploads\/2024\/09\/Capture-decran-le-2024-09-03-a-14.20.36.jpg?fit=700%2C468&#038;ssl=1\" src=\"https:\/\/i0.wp.com\/itayachtscanada.com\/wp-content\/uploads\/2024\/09\/Capture-decran-le-2024-09-03-a-14.20.36.jpg?w=346&#038;h=231&#038;ssl=1\" srcset=\"https:\/\/i0.wp.com\/itayachtscanada.com\/wp-content\/uploads\/2024\/09\/Capture-decran-le-2024-09-03-a-14.20.36.jpg?w=1506&amp;ssl=1 1506w, https:\/\/i0.wp.com\/itayachtscanada.com\/wp-content\/uploads\/2024\/09\/Capture-decran-le-2024-09-03-a-14.20.36.jpg?resize=300%2C200&amp;ssl=1 300w, https:\/\/i0.wp.com\/itayachtscanada.com\/wp-content\/uploads\/2024\/09\/Capture-decran-le-2024-09-03-a-14.20.36.jpg?resize=1024%2C684&amp;ssl=1 1024w, https:\/\/i0.wp.com\/itayachtscanada.com\/wp-content\/uploads\/2024\/09\/Capture-decran-le-2024-09-03-a-14.20.36.jpg?resize=768%2C513&amp;ssl=1 768w, https:\/\/i0.wp.com\/itayachtscanada.com\/wp-content\/uploads\/2024\/09\/Capture-decran-le-2024-09-03-a-14.20.36.jpg?resize=700%2C468&amp;ssl=1 700w, https:\/\/i0.wp.com\/itayachtscanada.com\/wp-content\/uploads\/2024\/09\/Capture-decran-le-2024-09-03-a-14.20.36.jpg?resize=900%2C600&amp;ssl=1 900w, https:\/\/i0.wp.com\/itayachtscanada.com\/wp-content\/uploads\/2024\/09\/Capture-decran-le-2024-09-03-a-14.20.36.jpg?resize=599%2C400&amp;ssl=1 599w, https:\/\/i0.wp.com\/itayachtscanada.com\/wp-content\/uploads\/2024\/09\/Capture-decran-le-2024-09-03-a-14.20.36.jpg?w=1400&amp;ssl=1 1400w\" width=\"346\" height=\"231\" loading=\"lazy\" data-original-width=\"346\" data-original-height=\"231\" itemprop=\"http:\/\/schema.org\/image\" title=\"Capture d\u2019e\u0301cran, le 2024-09-03 a\u0300 14.20.36\" alt=\"Capture d\u2019e\u0301cran, le 2024-09-03 a\u0300 14.20.36\" style=\"width: 346px; height: 231px;\" \/> <\/a> <\/div> <\/div> <!-- close group --> <div class=\"gallery-group images-1\" style=\"width: 350px; height: 235px;\" data-original-width=\"350\" data-original-height=\"235\" > <div class=\"tiled-gallery-item tiled-gallery-item-large\" itemprop=\"associatedMedia\" itemscope itemtype=\"http:\/\/schema.org\/ImageObject\"> <a href=\"https:\/\/itayachtscanada.com\/fr\/listing\/ferretti-custom-line-106-2023-10995000-usd-for-sale\/capture-decran-le-2024-09-03-a-14-20-33\/\" border=\"0\" itemprop=\"url\"> <meta itemprop=\"width\" content=\"346\"> <meta itemprop=\"height\" content=\"231\"> <img decoding=\"async\" class=\"\" data-attachment-id=\"175906\" data-orig-file=\"https:\/\/itayachtscanada.com\/wp-content\/uploads\/2024\/09\/Capture-decran-le-2024-09-03-a-14.20.33.jpg\" data-orig-size=\"1506,1006\" data-comments-opened=\"1\" data-image-meta=\"{&quot;aperture&quot;:&quot;0&quot;,&quot;credit&quot;:&quot;&quot;,&quot;camera&quot;:&quot;&quot;,&quot;caption&quot;:&quot;&quot;,&quot;created_timestamp&quot;:&quot;0&quot;,&quot;copyright&quot;:&quot;&quot;,&quot;focal_length&quot;:&quot;0&quot;,&quot;iso&quot;:&quot;0&quot;,&quot;shutter_speed&quot;:&quot;0&quot;,&quot;title&quot;:&quot;&quot;,&quot;orientation&quot;:&quot;0&quot;}\" data-image-title=\"Capture d\u2019e\u0301cran, le 2024-09-03 a\u0300 14.20.33\" data-image-description=\"\" data-medium-file=\"https:\/\/i0.wp.com\/itayachtscanada.com\/wp-content\/uploads\/2024\/09\/Capture-decran-le-2024-09-03-a-14.20.33.jpg?fit=300%2C200&#038;ssl=1\" data-large-file=\"https:\/\/i0.wp.com\/itayachtscanada.com\/wp-content\/uploads\/2024\/09\/Capture-decran-le-2024-09-03-a-14.20.33.jpg?fit=700%2C468&#038;ssl=1\" src=\"https:\/\/i0.wp.com\/itayachtscanada.com\/wp-content\/uploads\/2024\/09\/Capture-decran-le-2024-09-03-a-14.20.33.jpg?w=346&#038;h=231&#038;ssl=1\" srcset=\"https:\/\/i0.wp.com\/itayachtscanada.com\/wp-content\/uploads\/2024\/09\/Capture-decran-le-2024-09-03-a-14.20.33.jpg?w=1506&amp;ssl=1 1506w, https:\/\/i0.wp.com\/itayachtscanada.com\/wp-content\/uploads\/2024\/09\/Capture-decran-le-2024-09-03-a-14.20.33.jpg?resize=300%2C200&amp;ssl=1 300w, https:\/\/i0.wp.com\/itayachtscanada.com\/wp-content\/uploads\/2024\/09\/Capture-decran-le-2024-09-03-a-14.20.33.jpg?resize=1024%2C684&amp;ssl=1 1024w, https:\/\/i0.wp.com\/itayachtscanada.com\/wp-content\/uploads\/2024\/09\/Capture-decran-le-2024-09-03-a-14.20.33.jpg?resize=768%2C513&amp;ssl=1 768w, https:\/\/i0.wp.com\/itayachtscanada.com\/wp-content\/uploads\/2024\/09\/Capture-decran-le-2024-09-03-a-14.20.33.jpg?resize=700%2C468&amp;ssl=1 700w, https:\/\/i0.wp.com\/itayachtscanada.com\/wp-content\/uploads\/2024\/09\/Capture-decran-le-2024-09-03-a-14.20.33.jpg?resize=900%2C600&amp;ssl=1 900w, https:\/\/i0.wp.com\/itayachtscanada.com\/wp-content\/uploads\/2024\/09\/Capture-decran-le-2024-09-03-a-14.20.33.jpg?resize=599%2C400&amp;ssl=1 599w, https:\/\/i0.wp.com\/itayachtscanada.com\/wp-content\/uploads\/2024\/09\/Capture-decran-le-2024-09-03-a-14.20.33.jpg?w=1400&amp;ssl=1 1400w\" width=\"346\" height=\"231\" loading=\"lazy\" data-original-width=\"346\" data-original-height=\"231\" itemprop=\"http:\/\/schema.org\/image\" title=\"Capture d\u2019e\u0301cran, le 2024-09-03 a\u0300 14.20.33\" alt=\"Capture d\u2019e\u0301cran, le 2024-09-03 a\u0300 14.20.33\" style=\"width: 346px; height: 231px;\" \/> <\/a> <\/div> <\/div> <!-- close group --> <\/div> <!-- close row --> <div class=\"gallery-row\" style=\"width: 700px; height: 314px;\" data-original-width=\"700\" data-original-height=\"314\" > <div class=\"gallery-group images-1\" style=\"width: 467px; height: 314px;\" data-original-width=\"467\" data-original-height=\"314\" > <div class=\"tiled-gallery-item tiled-gallery-item-large\" itemprop=\"associatedMedia\" itemscope itemtype=\"http:\/\/schema.org\/ImageObject\"> <a href=\"https:\/\/itayachtscanada.com\/fr\/listing\/ferretti-custom-line-106-2023-10995000-usd-for-sale\/capture-decran-le-2024-09-03-a-14-20-30\/\" border=\"0\" itemprop=\"url\"> <meta itemprop=\"width\" content=\"463\"> <meta itemprop=\"height\" content=\"310\"> <img decoding=\"async\" class=\"\" data-attachment-id=\"175907\" data-orig-file=\"https:\/\/itayachtscanada.com\/wp-content\/uploads\/2024\/09\/Capture-decran-le-2024-09-03-a-14.20.30.jpg\" data-orig-size=\"1506,1006\" data-comments-opened=\"1\" data-image-meta=\"{&quot;aperture&quot;:&quot;0&quot;,&quot;credit&quot;:&quot;&quot;,&quot;camera&quot;:&quot;&quot;,&quot;caption&quot;:&quot;&quot;,&quot;created_timestamp&quot;:&quot;0&quot;,&quot;copyright&quot;:&quot;&quot;,&quot;focal_length&quot;:&quot;0&quot;,&quot;iso&quot;:&quot;0&quot;,&quot;shutter_speed&quot;:&quot;0&quot;,&quot;title&quot;:&quot;&quot;,&quot;orientation&quot;:&quot;0&quot;}\" data-image-title=\"Capture d\u2019e\u0301cran, le 2024-09-03 a\u0300 14.20.30\" data-image-description=\"\" data-medium-file=\"https:\/\/i0.wp.com\/itayachtscanada.com\/wp-content\/uploads\/2024\/09\/Capture-decran-le-2024-09-03-a-14.20.30.jpg?fit=300%2C200&#038;ssl=1\" data-large-file=\"https:\/\/i0.wp.com\/itayachtscanada.com\/wp-content\/uploads\/2024\/09\/Capture-decran-le-2024-09-03-a-14.20.30.jpg?fit=700%2C468&#038;ssl=1\" src=\"https:\/\/i0.wp.com\/itayachtscanada.com\/wp-content\/uploads\/2024\/09\/Capture-decran-le-2024-09-03-a-14.20.30.jpg?w=463&#038;h=310&#038;ssl=1\" srcset=\"https:\/\/i0.wp.com\/itayachtscanada.com\/wp-content\/uploads\/2024\/09\/Capture-decran-le-2024-09-03-a-14.20.30.jpg?w=1506&amp;ssl=1 1506w, https:\/\/i0.wp.com\/itayachtscanada.com\/wp-content\/uploads\/2024\/09\/Capture-decran-le-2024-09-03-a-14.20.30.jpg?resize=300%2C200&amp;ssl=1 300w, https:\/\/i0.wp.com\/itayachtscanada.com\/wp-content\/uploads\/2024\/09\/Capture-decran-le-2024-09-03-a-14.20.30.jpg?resize=1024%2C684&amp;ssl=1 1024w, https:\/\/i0.wp.com\/itayachtscanada.com\/wp-content\/uploads\/2024\/09\/Capture-decran-le-2024-09-03-a-14.20.30.jpg?resize=768%2C513&amp;ssl=1 768w, https:\/\/i0.wp.com\/itayachtscanada.com\/wp-content\/uploads\/2024\/09\/Capture-decran-le-2024-09-03-a-14.20.30.jpg?resize=700%2C468&amp;ssl=1 700w, https:\/\/i0.wp.com\/itayachtscanada.com\/wp-content\/uploads\/2024\/09\/Capture-decran-le-2024-09-03-a-14.20.30.jpg?resize=900%2C600&amp;ssl=1 900w, https:\/\/i0.wp.com\/itayachtscanada.com\/wp-content\/uploads\/2024\/09\/Capture-decran-le-2024-09-03-a-14.20.30.jpg?resize=599%2C400&amp;ssl=1 599w, https:\/\/i0.wp.com\/itayachtscanada.com\/wp-content\/uploads\/2024\/09\/Capture-decran-le-2024-09-03-a-14.20.30.jpg?w=1400&amp;ssl=1 1400w\" width=\"463\" height=\"310\" loading=\"lazy\" data-original-width=\"463\" data-original-height=\"310\" itemprop=\"http:\/\/schema.org\/image\" title=\"Capture d\u2019e\u0301cran, le 2024-09-03 a\u0300 14.20.30\" alt=\"Capture d\u2019e\u0301cran, le 2024-09-03 a\u0300 14.20.30\" style=\"width: 463px; height: 310px;\" \/> <\/a> <\/div> <\/div> <!-- close group --> <div class=\"gallery-group images-2\" style=\"width: 233px; height: 314px;\" data-original-width=\"233\" data-original-height=\"314\" > <div class=\"tiled-gallery-item tiled-gallery-item-small\" itemprop=\"associatedMedia\" itemscope itemtype=\"http:\/\/schema.org\/ImageObject\"> <a href=\"https:\/\/itayachtscanada.com\/fr\/listing\/ferretti-custom-line-106-2023-10995000-usd-for-sale\/capture-decran-le-2024-09-03-a-14-20-27\/\" border=\"0\" itemprop=\"url\"> <meta itemprop=\"width\" content=\"229\"> <meta itemprop=\"height\" content=\"153\"> <img decoding=\"async\" class=\"\" data-attachment-id=\"175908\" data-orig-file=\"https:\/\/itayachtscanada.com\/wp-content\/uploads\/2024\/09\/Capture-decran-le-2024-09-03-a-14.20.27.jpg\" data-orig-size=\"1506,1006\" data-comments-opened=\"1\" data-image-meta=\"{&quot;aperture&quot;:&quot;0&quot;,&quot;credit&quot;:&quot;&quot;,&quot;camera&quot;:&quot;&quot;,&quot;caption&quot;:&quot;&quot;,&quot;created_timestamp&quot;:&quot;0&quot;,&quot;copyright&quot;:&quot;&quot;,&quot;focal_length&quot;:&quot;0&quot;,&quot;iso&quot;:&quot;0&quot;,&quot;shutter_speed&quot;:&quot;0&quot;,&quot;title&quot;:&quot;&quot;,&quot;orientation&quot;:&quot;0&quot;}\" data-image-title=\"Capture d\u2019e\u0301cran, le 2024-09-03 a\u0300 14.20.27\" data-image-description=\"\" data-medium-file=\"https:\/\/i0.wp.com\/itayachtscanada.com\/wp-content\/uploads\/2024\/09\/Capture-decran-le-2024-09-03-a-14.20.27.jpg?fit=300%2C200&#038;ssl=1\" data-large-file=\"https:\/\/i0.wp.com\/itayachtscanada.com\/wp-content\/uploads\/2024\/09\/Capture-decran-le-2024-09-03-a-14.20.27.jpg?fit=700%2C468&#038;ssl=1\" src=\"https:\/\/i0.wp.com\/itayachtscanada.com\/wp-content\/uploads\/2024\/09\/Capture-decran-le-2024-09-03-a-14.20.27.jpg?w=229&#038;h=153&#038;ssl=1\" srcset=\"https:\/\/i0.wp.com\/itayachtscanada.com\/wp-content\/uploads\/2024\/09\/Capture-decran-le-2024-09-03-a-14.20.27.jpg?w=1506&amp;ssl=1 1506w, https:\/\/i0.wp.com\/itayachtscanada.com\/wp-content\/uploads\/2024\/09\/Capture-decran-le-2024-09-03-a-14.20.27.jpg?resize=300%2C200&amp;ssl=1 300w, https:\/\/i0.wp.com\/itayachtscanada.com\/wp-content\/uploads\/2024\/09\/Capture-decran-le-2024-09-03-a-14.20.27.jpg?resize=1024%2C684&amp;ssl=1 1024w, https:\/\/i0.wp.com\/itayachtscanada.com\/wp-content\/uploads\/2024\/09\/Capture-decran-le-2024-09-03-a-14.20.27.jpg?resize=768%2C513&amp;ssl=1 768w, https:\/\/i0.wp.com\/itayachtscanada.com\/wp-content\/uploads\/2024\/09\/Capture-decran-le-2024-09-03-a-14.20.27.jpg?resize=700%2C468&amp;ssl=1 700w, https:\/\/i0.wp.com\/itayachtscanada.com\/wp-content\/uploads\/2024\/09\/Capture-decran-le-2024-09-03-a-14.20.27.jpg?resize=900%2C600&amp;ssl=1 900w, https:\/\/i0.wp.com\/itayachtscanada.com\/wp-content\/uploads\/2024\/09\/Capture-decran-le-2024-09-03-a-14.20.27.jpg?resize=599%2C400&amp;ssl=1 599w, https:\/\/i0.wp.com\/itayachtscanada.com\/wp-content\/uploads\/2024\/09\/Capture-decran-le-2024-09-03-a-14.20.27.jpg?w=1400&amp;ssl=1 1400w\" width=\"229\" height=\"153\" loading=\"lazy\" data-original-width=\"229\" data-original-height=\"153\" itemprop=\"http:\/\/schema.org\/image\" title=\"Capture d\u2019e\u0301cran, le 2024-09-03 a\u0300 14.20.27\" alt=\"Capture d\u2019e\u0301cran, le 2024-09-03 a\u0300 14.20.27\" style=\"width: 229px; height: 153px;\" \/> <\/a> <\/div> <div class=\"tiled-gallery-item tiled-gallery-item-small\" itemprop=\"associatedMedia\" itemscope itemtype=\"http:\/\/schema.org\/ImageObject\"> <a href=\"https:\/\/itayachtscanada.com\/fr\/listing\/ferretti-custom-line-106-2023-10995000-usd-for-sale\/capture-decran-le-2024-09-03-a-14-20-24\/\" border=\"0\" itemprop=\"url\"> <meta itemprop=\"width\" content=\"229\"> <meta itemprop=\"height\" content=\"153\"> <img decoding=\"async\" class=\"\" data-attachment-id=\"175909\" data-orig-file=\"https:\/\/itayachtscanada.com\/wp-content\/uploads\/2024\/09\/Capture-decran-le-2024-09-03-a-14.20.24.jpg\" data-orig-size=\"1506,1006\" data-comments-opened=\"1\" data-image-meta=\"{&quot;aperture&quot;:&quot;0&quot;,&quot;credit&quot;:&quot;&quot;,&quot;camera&quot;:&quot;&quot;,&quot;caption&quot;:&quot;&quot;,&quot;created_timestamp&quot;:&quot;0&quot;,&quot;copyright&quot;:&quot;&quot;,&quot;focal_length&quot;:&quot;0&quot;,&quot;iso&quot;:&quot;0&quot;,&quot;shutter_speed&quot;:&quot;0&quot;,&quot;title&quot;:&quot;&quot;,&quot;orientation&quot;:&quot;0&quot;}\" data-image-title=\"Capture d\u2019e\u0301cran, le 2024-09-03 a\u0300 14.20.24\" data-image-description=\"\" data-medium-file=\"https:\/\/i0.wp.com\/itayachtscanada.com\/wp-content\/uploads\/2024\/09\/Capture-decran-le-2024-09-03-a-14.20.24.jpg?fit=300%2C200&#038;ssl=1\" data-large-file=\"https:\/\/i0.wp.com\/itayachtscanada.com\/wp-content\/uploads\/2024\/09\/Capture-decran-le-2024-09-03-a-14.20.24.jpg?fit=700%2C468&#038;ssl=1\" src=\"https:\/\/i0.wp.com\/itayachtscanada.com\/wp-content\/uploads\/2024\/09\/Capture-decran-le-2024-09-03-a-14.20.24.jpg?w=229&#038;h=153&#038;ssl=1\" srcset=\"https:\/\/i0.wp.com\/itayachtscanada.com\/wp-content\/uploads\/2024\/09\/Capture-decran-le-2024-09-03-a-14.20.24.jpg?w=1506&amp;ssl=1 1506w, https:\/\/i0.wp.com\/itayachtscanada.com\/wp-content\/uploads\/2024\/09\/Capture-decran-le-2024-09-03-a-14.20.24.jpg?resize=300%2C200&amp;ssl=1 300w, https:\/\/i0.wp.com\/itayachtscanada.com\/wp-content\/uploads\/2024\/09\/Capture-decran-le-2024-09-03-a-14.20.24.jpg?resize=1024%2C684&amp;ssl=1 1024w, https:\/\/i0.wp.com\/itayachtscanada.com\/wp-content\/uploads\/2024\/09\/Capture-decran-le-2024-09-03-a-14.20.24.jpg?resize=768%2C513&amp;ssl=1 768w, https:\/\/i0.wp.com\/itayachtscanada.com\/wp-content\/uploads\/2024\/09\/Capture-decran-le-2024-09-03-a-14.20.24.jpg?resize=700%2C468&amp;ssl=1 700w, https:\/\/i0.wp.com\/itayachtscanada.com\/wp-content\/uploads\/2024\/09\/Capture-decran-le-2024-09-03-a-14.20.24.jpg?resize=900%2C600&amp;ssl=1 900w, https:\/\/i0.wp.com\/itayachtscanada.com\/wp-content\/uploads\/2024\/09\/Capture-decran-le-2024-09-03-a-14.20.24.jpg?resize=599%2C400&amp;ssl=1 599w, https:\/\/i0.wp.com\/itayachtscanada.com\/wp-content\/uploads\/2024\/09\/Capture-decran-le-2024-09-03-a-14.20.24.jpg?w=1400&amp;ssl=1 1400w\" width=\"229\" height=\"153\" loading=\"lazy\" data-original-width=\"229\" data-original-height=\"153\" itemprop=\"http:\/\/schema.org\/image\" title=\"Capture d\u2019e\u0301cran, le 2024-09-03 a\u0300 14.20.24\" alt=\"Capture d\u2019e\u0301cran, le 2024-09-03 a\u0300 14.20.24\" style=\"width: 229px; height: 153px;\" \/> <\/a> <\/div> <\/div> <!-- close group --> <\/div> <!-- close row --> <div class=\"gallery-row\" style=\"width: 700px; height: 157px;\" data-original-width=\"700\" data-original-height=\"157\" > <div class=\"gallery-group images-1\" style=\"width: 234px; height: 157px;\" data-original-width=\"234\" data-original-height=\"157\" > <div class=\"tiled-gallery-item tiled-gallery-item-small\" itemprop=\"associatedMedia\" itemscope itemtype=\"http:\/\/schema.org\/ImageObject\"> <a href=\"https:\/\/itayachtscanada.com\/fr\/listing\/ferretti-custom-line-106-2023-10995000-usd-for-sale\/capture-decran-le-2024-09-03-a-14-20-21\/\" border=\"0\" itemprop=\"url\"> <meta itemprop=\"width\" content=\"230\"> <meta itemprop=\"height\" content=\"153\"> <img decoding=\"async\" class=\"\" data-attachment-id=\"175910\" data-orig-file=\"https:\/\/itayachtscanada.com\/wp-content\/uploads\/2024\/09\/Capture-decran-le-2024-09-03-a-14.20.21.jpg\" data-orig-size=\"1506,1006\" data-comments-opened=\"1\" data-image-meta=\"{&quot;aperture&quot;:&quot;0&quot;,&quot;credit&quot;:&quot;&quot;,&quot;camera&quot;:&quot;&quot;,&quot;caption&quot;:&quot;&quot;,&quot;created_timestamp&quot;:&quot;0&quot;,&quot;copyright&quot;:&quot;&quot;,&quot;focal_length&quot;:&quot;0&quot;,&quot;iso&quot;:&quot;0&quot;,&quot;shutter_speed&quot;:&quot;0&quot;,&quot;title&quot;:&quot;&quot;,&quot;orientation&quot;:&quot;0&quot;}\" data-image-title=\"Capture d\u2019e\u0301cran, le 2024-09-03 a\u0300 14.20.21\" data-image-description=\"\" data-medium-file=\"https:\/\/i0.wp.com\/itayachtscanada.com\/wp-content\/uploads\/2024\/09\/Capture-decran-le-2024-09-03-a-14.20.21.jpg?fit=300%2C200&#038;ssl=1\" data-large-file=\"https:\/\/i0.wp.com\/itayachtscanada.com\/wp-content\/uploads\/2024\/09\/Capture-decran-le-2024-09-03-a-14.20.21.jpg?fit=700%2C468&#038;ssl=1\" src=\"https:\/\/i0.wp.com\/itayachtscanada.com\/wp-content\/uploads\/2024\/09\/Capture-decran-le-2024-09-03-a-14.20.21.jpg?w=230&#038;h=153&#038;ssl=1\" srcset=\"https:\/\/i0.wp.com\/itayachtscanada.com\/wp-content\/uploads\/2024\/09\/Capture-decran-le-2024-09-03-a-14.20.21.jpg?w=1506&amp;ssl=1 1506w, https:\/\/i0.wp.com\/itayachtscanada.com\/wp-content\/uploads\/2024\/09\/Capture-decran-le-2024-09-03-a-14.20.21.jpg?resize=300%2C200&amp;ssl=1 300w, https:\/\/i0.wp.com\/itayachtscanada.com\/wp-content\/uploads\/2024\/09\/Capture-decran-le-2024-09-03-a-14.20.21.jpg?resize=1024%2C684&amp;ssl=1 1024w, https:\/\/i0.wp.com\/itayachtscanada.com\/wp-content\/uploads\/2024\/09\/Capture-decran-le-2024-09-03-a-14.20.21.jpg?resize=768%2C513&amp;ssl=1 768w, https:\/\/i0.wp.com\/itayachtscanada.com\/wp-content\/uploads\/2024\/09\/Capture-decran-le-2024-09-03-a-14.20.21.jpg?resize=700%2C468&amp;ssl=1 700w, https:\/\/i0.wp.com\/itayachtscanada.com\/wp-content\/uploads\/2024\/09\/Capture-decran-le-2024-09-03-a-14.20.21.jpg?resize=900%2C600&amp;ssl=1 900w, https:\/\/i0.wp.com\/itayachtscanada.com\/wp-content\/uploads\/2024\/09\/Capture-decran-le-2024-09-03-a-14.20.21.jpg?resize=599%2C400&amp;ssl=1 599w, https:\/\/i0.wp.com\/itayachtscanada.com\/wp-content\/uploads\/2024\/09\/Capture-decran-le-2024-09-03-a-14.20.21.jpg?w=1400&amp;ssl=1 1400w\" width=\"230\" height=\"153\" loading=\"lazy\" data-original-width=\"230\" data-original-height=\"153\" itemprop=\"http:\/\/schema.org\/image\" title=\"Capture d\u2019e\u0301cran, le 2024-09-03 a\u0300 14.20.21\" alt=\"Capture d\u2019e\u0301cran, le 2024-09-03 a\u0300 14.20.21\" style=\"width: 230px; height: 153px;\" \/> <\/a> <\/div> <\/div> <!-- close group --> <div class=\"gallery-group images-1\" style=\"width: 233px; height: 157px;\" data-original-width=\"233\" data-original-height=\"157\" > <div class=\"tiled-gallery-item tiled-gallery-item-small\" itemprop=\"associatedMedia\" itemscope itemtype=\"http:\/\/schema.org\/ImageObject\"> <a href=\"https:\/\/itayachtscanada.com\/fr\/listing\/ferretti-custom-line-106-2023-10995000-usd-for-sale\/capture-decran-le-2024-09-03-a-14-20-10\/\" border=\"0\" itemprop=\"url\"> <meta itemprop=\"width\" content=\"229\"> <meta itemprop=\"height\" content=\"153\"> <img decoding=\"async\" class=\"\" data-attachment-id=\"175913\" data-orig-file=\"https:\/\/itayachtscanada.com\/wp-content\/uploads\/2024\/09\/Capture-decran-le-2024-09-03-a-14.20.10.jpg\" data-orig-size=\"1506,1006\" data-comments-opened=\"1\" data-image-meta=\"{&quot;aperture&quot;:&quot;0&quot;,&quot;credit&quot;:&quot;&quot;,&quot;camera&quot;:&quot;&quot;,&quot;caption&quot;:&quot;&quot;,&quot;created_timestamp&quot;:&quot;0&quot;,&quot;copyright&quot;:&quot;&quot;,&quot;focal_length&quot;:&quot;0&quot;,&quot;iso&quot;:&quot;0&quot;,&quot;shutter_speed&quot;:&quot;0&quot;,&quot;title&quot;:&quot;&quot;,&quot;orientation&quot;:&quot;0&quot;}\" data-image-title=\"Capture d\u2019e\u0301cran, le 2024-09-03 a\u0300 14.20.10\" data-image-description=\"\" data-medium-file=\"https:\/\/i0.wp.com\/itayachtscanada.com\/wp-content\/uploads\/2024\/09\/Capture-decran-le-2024-09-03-a-14.20.10.jpg?fit=300%2C200&#038;ssl=1\" data-large-file=\"https:\/\/i0.wp.com\/itayachtscanada.com\/wp-content\/uploads\/2024\/09\/Capture-decran-le-2024-09-03-a-14.20.10.jpg?fit=700%2C468&#038;ssl=1\" src=\"https:\/\/i0.wp.com\/itayachtscanada.com\/wp-content\/uploads\/2024\/09\/Capture-decran-le-2024-09-03-a-14.20.10.jpg?w=229&#038;h=153&#038;ssl=1\" srcset=\"https:\/\/i0.wp.com\/itayachtscanada.com\/wp-content\/uploads\/2024\/09\/Capture-decran-le-2024-09-03-a-14.20.10.jpg?w=1506&amp;ssl=1 1506w, https:\/\/i0.wp.com\/itayachtscanada.com\/wp-content\/uploads\/2024\/09\/Capture-decran-le-2024-09-03-a-14.20.10.jpg?resize=300%2C200&amp;ssl=1 300w, https:\/\/i0.wp.com\/itayachtscanada.com\/wp-content\/uploads\/2024\/09\/Capture-decran-le-2024-09-03-a-14.20.10.jpg?resize=1024%2C684&amp;ssl=1 1024w, https:\/\/i0.wp.com\/itayachtscanada.com\/wp-content\/uploads\/2024\/09\/Capture-decran-le-2024-09-03-a-14.20.10.jpg?resize=768%2C513&amp;ssl=1 768w, https:\/\/i0.wp.com\/itayachtscanada.com\/wp-content\/uploads\/2024\/09\/Capture-decran-le-2024-09-03-a-14.20.10.jpg?resize=700%2C468&amp;ssl=1 700w, https:\/\/i0.wp.com\/itayachtscanada.com\/wp-content\/uploads\/2024\/09\/Capture-decran-le-2024-09-03-a-14.20.10.jpg?resize=900%2C600&amp;ssl=1 900w, https:\/\/i0.wp.com\/itayachtscanada.com\/wp-content\/uploads\/2024\/09\/Capture-decran-le-2024-09-03-a-14.20.10.jpg?resize=599%2C400&amp;ssl=1 599w, https:\/\/i0.wp.com\/itayachtscanada.com\/wp-content\/uploads\/2024\/09\/Capture-decran-le-2024-09-03-a-14.20.10.jpg?w=1400&amp;ssl=1 1400w\" width=\"229\" height=\"153\" loading=\"lazy\" data-original-width=\"229\" data-original-height=\"153\" itemprop=\"http:\/\/schema.org\/image\" title=\"Capture d\u2019e\u0301cran, le 2024-09-03 a\u0300 14.20.10\" alt=\"Capture d\u2019e\u0301cran, le 2024-09-03 a\u0300 14.20.10\" style=\"width: 229px; height: 153px;\" \/> <\/a> <\/div> <\/div> <!-- close group --> <div class=\"gallery-group images-1\" style=\"width: 233px; height: 157px;\" data-original-width=\"233\" data-original-height=\"157\" > <div class=\"tiled-gallery-item tiled-gallery-item-small\" itemprop=\"associatedMedia\" itemscope itemtype=\"http:\/\/schema.org\/ImageObject\"> <a href=\"https:\/\/itayachtscanada.com\/fr\/listing\/ferretti-custom-line-106-2023-10995000-usd-for-sale\/capture-decran-le-2024-09-03-a-14-19-51\/\" border=\"0\" itemprop=\"url\"> <meta itemprop=\"width\" content=\"229\"> <meta itemprop=\"height\" content=\"153\"> <img decoding=\"async\" class=\"\" data-attachment-id=\"175919\" data-orig-file=\"https:\/\/itayachtscanada.com\/wp-content\/uploads\/2024\/09\/Capture-decran-le-2024-09-03-a-14.19.51.jpg\" data-orig-size=\"1506,1006\" data-comments-opened=\"1\" data-image-meta=\"{&quot;aperture&quot;:&quot;0&quot;,&quot;credit&quot;:&quot;&quot;,&quot;camera&quot;:&quot;&quot;,&quot;caption&quot;:&quot;&quot;,&quot;created_timestamp&quot;:&quot;0&quot;,&quot;copyright&quot;:&quot;&quot;,&quot;focal_length&quot;:&quot;0&quot;,&quot;iso&quot;:&quot;0&quot;,&quot;shutter_speed&quot;:&quot;0&quot;,&quot;title&quot;:&quot;&quot;,&quot;orientation&quot;:&quot;0&quot;}\" data-image-title=\"Capture d\u2019e\u0301cran, le 2024-09-03 a\u0300 14.19.51\" data-image-description=\"\" data-medium-file=\"https:\/\/i0.wp.com\/itayachtscanada.com\/wp-content\/uploads\/2024\/09\/Capture-decran-le-2024-09-03-a-14.19.51.jpg?fit=300%2C200&#038;ssl=1\" data-large-file=\"https:\/\/i0.wp.com\/itayachtscanada.com\/wp-content\/uploads\/2024\/09\/Capture-decran-le-2024-09-03-a-14.19.51.jpg?fit=700%2C468&#038;ssl=1\" src=\"https:\/\/i0.wp.com\/itayachtscanada.com\/wp-content\/uploads\/2024\/09\/Capture-decran-le-2024-09-03-a-14.19.51.jpg?w=229&#038;h=153&#038;ssl=1\" srcset=\"https:\/\/i0.wp.com\/itayachtscanada.com\/wp-content\/uploads\/2024\/09\/Capture-decran-le-2024-09-03-a-14.19.51.jpg?w=1506&amp;ssl=1 1506w, https:\/\/i0.wp.com\/itayachtscanada.com\/wp-content\/uploads\/2024\/09\/Capture-decran-le-2024-09-03-a-14.19.51.jpg?resize=300%2C200&amp;ssl=1 300w, https:\/\/i0.wp.com\/itayachtscanada.com\/wp-content\/uploads\/2024\/09\/Capture-decran-le-2024-09-03-a-14.19.51.jpg?resize=1024%2C684&amp;ssl=1 1024w, https:\/\/i0.wp.com\/itayachtscanada.com\/wp-content\/uploads\/2024\/09\/Capture-decran-le-2024-09-03-a-14.19.51.jpg?resize=768%2C513&amp;ssl=1 768w, https:\/\/i0.wp.com\/itayachtscanada.com\/wp-content\/uploads\/2024\/09\/Capture-decran-le-2024-09-03-a-14.19.51.jpg?resize=700%2C468&amp;ssl=1 700w, https:\/\/i0.wp.com\/itayachtscanada.com\/wp-content\/uploads\/2024\/09\/Capture-decran-le-2024-09-03-a-14.19.51.jpg?resize=900%2C600&amp;ssl=1 900w, https:\/\/i0.wp.com\/itayachtscanada.com\/wp-content\/uploads\/2024\/09\/Capture-decran-le-2024-09-03-a-14.19.51.jpg?resize=599%2C400&amp;ssl=1 599w, https:\/\/i0.wp.com\/itayachtscanada.com\/wp-content\/uploads\/2024\/09\/Capture-decran-le-2024-09-03-a-14.19.51.jpg?w=1400&amp;ssl=1 1400w\" width=\"229\" height=\"153\" loading=\"lazy\" data-original-width=\"229\" data-original-height=\"153\" itemprop=\"http:\/\/schema.org\/image\" title=\"Capture d\u2019e\u0301cran, le 2024-09-03 a\u0300 14.19.51\" alt=\"Capture d\u2019e\u0301cran, le 2024-09-03 a\u0300 14.19.51\" style=\"width: 229px; height: 153px;\" \/> <\/a> <\/div> <\/div> <!-- close group --> <\/div> <!-- close row --> <div class=\"gallery-row\" style=\"width: 700px; height: 314px;\" data-original-width=\"700\" data-original-height=\"314\" > <div class=\"gallery-group images-2\" style=\"width: 232px; height: 314px;\" data-original-width=\"232\" data-original-height=\"314\" > <div class=\"tiled-gallery-item tiled-gallery-item-small\" itemprop=\"associatedMedia\" itemscope itemtype=\"http:\/\/schema.org\/ImageObject\"> <a href=\"https:\/\/itayachtscanada.com\/fr\/listing\/ferretti-custom-line-106-2023-10995000-usd-for-sale\/capture-decran-le-2024-09-03-a-14-19-18\/\" border=\"0\" itemprop=\"url\"> <meta itemprop=\"width\" content=\"228\"> <meta itemprop=\"height\" content=\"153\"> <img decoding=\"async\" class=\"\" data-attachment-id=\"175923\" data-orig-file=\"https:\/\/itayachtscanada.com\/wp-content\/uploads\/2024\/09\/Capture-decran-le-2024-09-03-a-14.19.18.jpg\" data-orig-size=\"1500,1006\" data-comments-opened=\"1\" data-image-meta=\"{&quot;aperture&quot;:&quot;0&quot;,&quot;credit&quot;:&quot;&quot;,&quot;camera&quot;:&quot;&quot;,&quot;caption&quot;:&quot;&quot;,&quot;created_timestamp&quot;:&quot;0&quot;,&quot;copyright&quot;:&quot;&quot;,&quot;focal_length&quot;:&quot;0&quot;,&quot;iso&quot;:&quot;0&quot;,&quot;shutter_speed&quot;:&quot;0&quot;,&quot;title&quot;:&quot;&quot;,&quot;orientation&quot;:&quot;0&quot;}\" data-image-title=\"Capture d\u2019e\u0301cran, le 2024-09-03 a\u0300 14.19.18\" data-image-description=\"\" data-medium-file=\"https:\/\/i0.wp.com\/itayachtscanada.com\/wp-content\/uploads\/2024\/09\/Capture-decran-le-2024-09-03-a-14.19.18.jpg?fit=300%2C201&#038;ssl=1\" data-large-file=\"https:\/\/i0.wp.com\/itayachtscanada.com\/wp-content\/uploads\/2024\/09\/Capture-decran-le-2024-09-03-a-14.19.18.jpg?fit=700%2C470&#038;ssl=1\" src=\"https:\/\/i0.wp.com\/itayachtscanada.com\/wp-content\/uploads\/2024\/09\/Capture-decran-le-2024-09-03-a-14.19.18.jpg?w=228&#038;h=153&#038;ssl=1\" srcset=\"https:\/\/i0.wp.com\/itayachtscanada.com\/wp-content\/uploads\/2024\/09\/Capture-decran-le-2024-09-03-a-14.19.18.jpg?w=1500&amp;ssl=1 1500w, https:\/\/i0.wp.com\/itayachtscanada.com\/wp-content\/uploads\/2024\/09\/Capture-decran-le-2024-09-03-a-14.19.18.jpg?resize=300%2C201&amp;ssl=1 300w, https:\/\/i0.wp.com\/itayachtscanada.com\/wp-content\/uploads\/2024\/09\/Capture-decran-le-2024-09-03-a-14.19.18.jpg?resize=1024%2C687&amp;ssl=1 1024w, https:\/\/i0.wp.com\/itayachtscanada.com\/wp-content\/uploads\/2024\/09\/Capture-decran-le-2024-09-03-a-14.19.18.jpg?resize=768%2C515&amp;ssl=1 768w, https:\/\/i0.wp.com\/itayachtscanada.com\/wp-content\/uploads\/2024\/09\/Capture-decran-le-2024-09-03-a-14.19.18.jpg?resize=700%2C469&amp;ssl=1 700w, https:\/\/i0.wp.com\/itayachtscanada.com\/wp-content\/uploads\/2024\/09\/Capture-decran-le-2024-09-03-a-14.19.18.jpg?resize=900%2C600&amp;ssl=1 900w, https:\/\/i0.wp.com\/itayachtscanada.com\/wp-content\/uploads\/2024\/09\/Capture-decran-le-2024-09-03-a-14.19.18.jpg?resize=596%2C400&amp;ssl=1 596w, https:\/\/i0.wp.com\/itayachtscanada.com\/wp-content\/uploads\/2024\/09\/Capture-decran-le-2024-09-03-a-14.19.18.jpg?w=1400&amp;ssl=1 1400w\" width=\"228\" height=\"153\" loading=\"lazy\" data-original-width=\"228\" data-original-height=\"153\" itemprop=\"http:\/\/schema.org\/image\" title=\"Capture d\u2019e\u0301cran, le 2024-09-03 a\u0300 14.19.18\" alt=\"Capture d\u2019e\u0301cran, le 2024-09-03 a\u0300 14.19.18\" style=\"width: 228px; height: 153px;\" \/> <\/a> <\/div> <div class=\"tiled-gallery-item tiled-gallery-item-small\" itemprop=\"associatedMedia\" itemscope itemtype=\"http:\/\/schema.org\/ImageObject\"> <a href=\"https:\/\/itayachtscanada.com\/fr\/listing\/ferretti-custom-line-106-2023-10995000-usd-for-sale\/capture-decran-le-2024-09-03-a-14-19-27\/\" border=\"0\" itemprop=\"url\"> <meta itemprop=\"width\" content=\"228\"> <meta itemprop=\"height\" content=\"153\"> <img decoding=\"async\" class=\"\" data-attachment-id=\"175922\" data-orig-file=\"https:\/\/itayachtscanada.com\/wp-content\/uploads\/2024\/09\/Capture-decran-le-2024-09-03-a-14.19.27.jpg\" data-orig-size=\"1500,1006\" data-comments-opened=\"1\" data-image-meta=\"{&quot;aperture&quot;:&quot;0&quot;,&quot;credit&quot;:&quot;&quot;,&quot;camera&quot;:&quot;&quot;,&quot;caption&quot;:&quot;&quot;,&quot;created_timestamp&quot;:&quot;0&quot;,&quot;copyright&quot;:&quot;&quot;,&quot;focal_length&quot;:&quot;0&quot;,&quot;iso&quot;:&quot;0&quot;,&quot;shutter_speed&quot;:&quot;0&quot;,&quot;title&quot;:&quot;&quot;,&quot;orientation&quot;:&quot;0&quot;}\" data-image-title=\"Capture d\u2019e\u0301cran, le 2024-09-03 a\u0300 14.19.27\" data-image-description=\"\" data-medium-file=\"https:\/\/i0.wp.com\/itayachtscanada.com\/wp-content\/uploads\/2024\/09\/Capture-decran-le-2024-09-03-a-14.19.27.jpg?fit=300%2C201&#038;ssl=1\" data-large-file=\"https:\/\/i0.wp.com\/itayachtscanada.com\/wp-content\/uploads\/2024\/09\/Capture-decran-le-2024-09-03-a-14.19.27.jpg?fit=700%2C470&#038;ssl=1\" src=\"https:\/\/i0.wp.com\/itayachtscanada.com\/wp-content\/uploads\/2024\/09\/Capture-decran-le-2024-09-03-a-14.19.27.jpg?w=228&#038;h=153&#038;ssl=1\" srcset=\"https:\/\/i0.wp.com\/itayachtscanada.com\/wp-content\/uploads\/2024\/09\/Capture-decran-le-2024-09-03-a-14.19.27.jpg?w=1500&amp;ssl=1 1500w, https:\/\/i0.wp.com\/itayachtscanada.com\/wp-content\/uploads\/2024\/09\/Capture-decran-le-2024-09-03-a-14.19.27.jpg?resize=300%2C201&amp;ssl=1 300w, https:\/\/i0.wp.com\/itayachtscanada.com\/wp-content\/uploads\/2024\/09\/Capture-decran-le-2024-09-03-a-14.19.27.jpg?resize=1024%2C687&amp;ssl=1 1024w, https:\/\/i0.wp.com\/itayachtscanada.com\/wp-content\/uploads\/2024\/09\/Capture-decran-le-2024-09-03-a-14.19.27.jpg?resize=768%2C515&amp;ssl=1 768w, https:\/\/i0.wp.com\/itayachtscanada.com\/wp-content\/uploads\/2024\/09\/Capture-decran-le-2024-09-03-a-14.19.27.jpg?resize=700%2C469&amp;ssl=1 700w, https:\/\/i0.wp.com\/itayachtscanada.com\/wp-content\/uploads\/2024\/09\/Capture-decran-le-2024-09-03-a-14.19.27.jpg?resize=900%2C600&amp;ssl=1 900w, https:\/\/i0.wp.com\/itayachtscanada.com\/wp-content\/uploads\/2024\/09\/Capture-decran-le-2024-09-03-a-14.19.27.jpg?resize=596%2C400&amp;ssl=1 596w, https:\/\/i0.wp.com\/itayachtscanada.com\/wp-content\/uploads\/2024\/09\/Capture-decran-le-2024-09-03-a-14.19.27.jpg?w=1400&amp;ssl=1 1400w\" width=\"228\" height=\"153\" loading=\"lazy\" data-original-width=\"228\" data-original-height=\"153\" itemprop=\"http:\/\/schema.org\/image\" title=\"Capture d\u2019e\u0301cran, le 2024-09-03 a\u0300 14.19.27\" alt=\"Capture d\u2019e\u0301cran, le 2024-09-03 a\u0300 14.19.27\" style=\"width: 228px; height: 153px;\" \/> <\/a> <\/div> <\/div> <!-- close group --> <div class=\"gallery-group images-1\" style=\"width: 468px; height: 314px;\" data-original-width=\"468\" data-original-height=\"314\" > <div class=\"tiled-gallery-item tiled-gallery-item-large\" itemprop=\"associatedMedia\" itemscope itemtype=\"http:\/\/schema.org\/ImageObject\"> <a href=\"https:\/\/itayachtscanada.com\/fr\/listing\/ferretti-custom-line-106-2023-10995000-usd-for-sale\/capture-decran-le-2024-09-03-a-14-20-17\/\" border=\"0\" itemprop=\"url\"> <meta itemprop=\"width\" content=\"464\"> <meta itemprop=\"height\" content=\"310\"> <img decoding=\"async\" class=\"\" data-attachment-id=\"175911\" data-orig-file=\"https:\/\/itayachtscanada.com\/wp-content\/uploads\/2024\/09\/Capture-decran-le-2024-09-03-a-14.20.17.jpg\" data-orig-size=\"1506,1006\" data-comments-opened=\"1\" data-image-meta=\"{&quot;aperture&quot;:&quot;0&quot;,&quot;credit&quot;:&quot;&quot;,&quot;camera&quot;:&quot;&quot;,&quot;caption&quot;:&quot;&quot;,&quot;created_timestamp&quot;:&quot;0&quot;,&quot;copyright&quot;:&quot;&quot;,&quot;focal_length&quot;:&quot;0&quot;,&quot;iso&quot;:&quot;0&quot;,&quot;shutter_speed&quot;:&quot;0&quot;,&quot;title&quot;:&quot;&quot;,&quot;orientation&quot;:&quot;0&quot;}\" data-image-title=\"Capture d\u2019e\u0301cran, le 2024-09-03 a\u0300 14.20.17\" data-image-description=\"\" data-medium-file=\"https:\/\/i0.wp.com\/itayachtscanada.com\/wp-content\/uploads\/2024\/09\/Capture-decran-le-2024-09-03-a-14.20.17.jpg?fit=300%2C200&#038;ssl=1\" data-large-file=\"https:\/\/i0.wp.com\/itayachtscanada.com\/wp-content\/uploads\/2024\/09\/Capture-decran-le-2024-09-03-a-14.20.17.jpg?fit=700%2C468&#038;ssl=1\" src=\"https:\/\/i0.wp.com\/itayachtscanada.com\/wp-content\/uploads\/2024\/09\/Capture-decran-le-2024-09-03-a-14.20.17.jpg?w=464&#038;h=310&#038;ssl=1\" srcset=\"https:\/\/i0.wp.com\/itayachtscanada.com\/wp-content\/uploads\/2024\/09\/Capture-decran-le-2024-09-03-a-14.20.17.jpg?w=1506&amp;ssl=1 1506w, https:\/\/i0.wp.com\/itayachtscanada.com\/wp-content\/uploads\/2024\/09\/Capture-decran-le-2024-09-03-a-14.20.17.jpg?resize=300%2C200&amp;ssl=1 300w, https:\/\/i0.wp.com\/itayachtscanada.com\/wp-content\/uploads\/2024\/09\/Capture-decran-le-2024-09-03-a-14.20.17.jpg?resize=1024%2C684&amp;ssl=1 1024w, https:\/\/i0.wp.com\/itayachtscanada.com\/wp-content\/uploads\/2024\/09\/Capture-decran-le-2024-09-03-a-14.20.17.jpg?resize=768%2C513&amp;ssl=1 768w, https:\/\/i0.wp.com\/itayachtscanada.com\/wp-content\/uploads\/2024\/09\/Capture-decran-le-2024-09-03-a-14.20.17.jpg?resize=700%2C468&amp;ssl=1 700w, https:\/\/i0.wp.com\/itayachtscanada.com\/wp-content\/uploads\/2024\/09\/Capture-decran-le-2024-09-03-a-14.20.17.jpg?resize=900%2C600&amp;ssl=1 900w, https:\/\/i0.wp.com\/itayachtscanada.com\/wp-content\/uploads\/2024\/09\/Capture-decran-le-2024-09-03-a-14.20.17.jpg?resize=599%2C400&amp;ssl=1 599w, https:\/\/i0.wp.com\/itayachtscanada.com\/wp-content\/uploads\/2024\/09\/Capture-decran-le-2024-09-03-a-14.20.17.jpg?w=1400&amp;ssl=1 1400w\" width=\"464\" height=\"310\" loading=\"lazy\" data-original-width=\"464\" data-original-height=\"310\" itemprop=\"http:\/\/schema.org\/image\" title=\"Capture d\u2019e\u0301cran, le 2024-09-03 a\u0300 14.20.17\" alt=\"Capture d\u2019e\u0301cran, le 2024-09-03 a\u0300 14.20.17\" style=\"width: 464px; height: 310px;\" \/> <\/a> <\/div> <\/div> <!-- close group --> <\/div> <!-- close row --> <div class=\"gallery-row\" style=\"width: 700px; height: 235px;\" data-original-width=\"700\" data-original-height=\"235\" > <div class=\"gallery-group images-1\" style=\"width: 350px; height: 235px;\" data-original-width=\"350\" data-original-height=\"235\" > <div class=\"tiled-gallery-item tiled-gallery-item-large\" itemprop=\"associatedMedia\" itemscope itemtype=\"http:\/\/schema.org\/ImageObject\"> <a href=\"https:\/\/itayachtscanada.com\/fr\/listing\/ferretti-custom-line-106-2023-10995000-usd-for-sale\/capture-decran-le-2024-09-03-a-14-20-13\/\" border=\"0\" itemprop=\"url\"> <meta itemprop=\"width\" content=\"346\"> <meta itemprop=\"height\" content=\"231\"> <img decoding=\"async\" class=\"\" data-attachment-id=\"175912\" data-orig-file=\"https:\/\/itayachtscanada.com\/wp-content\/uploads\/2024\/09\/Capture-decran-le-2024-09-03-a-14.20.13.jpg\" data-orig-size=\"1506,1006\" data-comments-opened=\"1\" data-image-meta=\"{&quot;aperture&quot;:&quot;0&quot;,&quot;credit&quot;:&quot;&quot;,&quot;camera&quot;:&quot;&quot;,&quot;caption&quot;:&quot;&quot;,&quot;created_timestamp&quot;:&quot;0&quot;,&quot;copyright&quot;:&quot;&quot;,&quot;focal_length&quot;:&quot;0&quot;,&quot;iso&quot;:&quot;0&quot;,&quot;shutter_speed&quot;:&quot;0&quot;,&quot;title&quot;:&quot;&quot;,&quot;orientation&quot;:&quot;0&quot;}\" data-image-title=\"Capture d\u2019e\u0301cran, le 2024-09-03 a\u0300 14.20.13\" data-image-description=\"\" data-medium-file=\"https:\/\/i0.wp.com\/itayachtscanada.com\/wp-content\/uploads\/2024\/09\/Capture-decran-le-2024-09-03-a-14.20.13.jpg?fit=300%2C200&#038;ssl=1\" data-large-file=\"https:\/\/i0.wp.com\/itayachtscanada.com\/wp-content\/uploads\/2024\/09\/Capture-decran-le-2024-09-03-a-14.20.13.jpg?fit=700%2C468&#038;ssl=1\" src=\"https:\/\/i0.wp.com\/itayachtscanada.com\/wp-content\/uploads\/2024\/09\/Capture-decran-le-2024-09-03-a-14.20.13.jpg?w=346&#038;h=231&#038;ssl=1\" srcset=\"https:\/\/i0.wp.com\/itayachtscanada.com\/wp-content\/uploads\/2024\/09\/Capture-decran-le-2024-09-03-a-14.20.13.jpg?w=1506&amp;ssl=1 1506w, https:\/\/i0.wp.com\/itayachtscanada.com\/wp-content\/uploads\/2024\/09\/Capture-decran-le-2024-09-03-a-14.20.13.jpg?resize=300%2C200&amp;ssl=1 300w, https:\/\/i0.wp.com\/itayachtscanada.com\/wp-content\/uploads\/2024\/09\/Capture-decran-le-2024-09-03-a-14.20.13.jpg?resize=1024%2C684&amp;ssl=1 1024w, https:\/\/i0.wp.com\/itayachtscanada.com\/wp-content\/uploads\/2024\/09\/Capture-decran-le-2024-09-03-a-14.20.13.jpg?resize=768%2C513&amp;ssl=1 768w, https:\/\/i0.wp.com\/itayachtscanada.com\/wp-content\/uploads\/2024\/09\/Capture-decran-le-2024-09-03-a-14.20.13.jpg?resize=700%2C468&amp;ssl=1 700w, https:\/\/i0.wp.com\/itayachtscanada.com\/wp-content\/uploads\/2024\/09\/Capture-decran-le-2024-09-03-a-14.20.13.jpg?resize=900%2C600&amp;ssl=1 900w, https:\/\/i0.wp.com\/itayachtscanada.com\/wp-content\/uploads\/2024\/09\/Capture-decran-le-2024-09-03-a-14.20.13.jpg?resize=599%2C400&amp;ssl=1 599w, https:\/\/i0.wp.com\/itayachtscanada.com\/wp-content\/uploads\/2024\/09\/Capture-decran-le-2024-09-03-a-14.20.13.jpg?w=1400&amp;ssl=1 1400w\" width=\"346\" height=\"231\" loading=\"lazy\" data-original-width=\"346\" data-original-height=\"231\" itemprop=\"http:\/\/schema.org\/image\" title=\"Capture d\u2019e\u0301cran, le 2024-09-03 a\u0300 14.20.13\" alt=\"Capture d\u2019e\u0301cran, le 2024-09-03 a\u0300 14.20.13\" style=\"width: 346px; height: 231px;\" \/> <\/a> <\/div> <\/div> <!-- close group --> <div class=\"gallery-group images-1\" style=\"width: 350px; height: 235px;\" data-original-width=\"350\" data-original-height=\"235\" > <div class=\"tiled-gallery-item tiled-gallery-item-large\" itemprop=\"associatedMedia\" itemscope itemtype=\"http:\/\/schema.org\/ImageObject\"> <a href=\"https:\/\/itayachtscanada.com\/fr\/listing\/ferretti-custom-line-106-2023-10995000-usd-for-sale\/capture-decran-le-2024-09-03-a-14-20-07\/\" border=\"0\" itemprop=\"url\"> <meta itemprop=\"width\" content=\"346\"> <meta itemprop=\"height\" content=\"231\"> <img decoding=\"async\" class=\"\" data-attachment-id=\"175914\" data-orig-file=\"https:\/\/itayachtscanada.com\/wp-content\/uploads\/2024\/09\/Capture-decran-le-2024-09-03-a-14.20.07.jpg\" data-orig-size=\"1506,1006\" data-comments-opened=\"1\" data-image-meta=\"{&quot;aperture&quot;:&quot;0&quot;,&quot;credit&quot;:&quot;&quot;,&quot;camera&quot;:&quot;&quot;,&quot;caption&quot;:&quot;&quot;,&quot;created_timestamp&quot;:&quot;0&quot;,&quot;copyright&quot;:&quot;&quot;,&quot;focal_length&quot;:&quot;0&quot;,&quot;iso&quot;:&quot;0&quot;,&quot;shutter_speed&quot;:&quot;0&quot;,&quot;title&quot;:&quot;&quot;,&quot;orientation&quot;:&quot;0&quot;}\" data-image-title=\"Capture d\u2019e\u0301cran, le 2024-09-03 a\u0300 14.20.07\" data-image-description=\"\" data-medium-file=\"https:\/\/i0.wp.com\/itayachtscanada.com\/wp-content\/uploads\/2024\/09\/Capture-decran-le-2024-09-03-a-14.20.07.jpg?fit=300%2C200&#038;ssl=1\" data-large-file=\"https:\/\/i0.wp.com\/itayachtscanada.com\/wp-content\/uploads\/2024\/09\/Capture-decran-le-2024-09-03-a-14.20.07.jpg?fit=700%2C468&#038;ssl=1\" src=\"https:\/\/i0.wp.com\/itayachtscanada.com\/wp-content\/uploads\/2024\/09\/Capture-decran-le-2024-09-03-a-14.20.07.jpg?w=346&#038;h=231&#038;ssl=1\" srcset=\"https:\/\/i0.wp.com\/itayachtscanada.com\/wp-content\/uploads\/2024\/09\/Capture-decran-le-2024-09-03-a-14.20.07.jpg?w=1506&amp;ssl=1 1506w, https:\/\/i0.wp.com\/itayachtscanada.com\/wp-content\/uploads\/2024\/09\/Capture-decran-le-2024-09-03-a-14.20.07.jpg?resize=300%2C200&amp;ssl=1 300w, https:\/\/i0.wp.com\/itayachtscanada.com\/wp-content\/uploads\/2024\/09\/Capture-decran-le-2024-09-03-a-14.20.07.jpg?resize=1024%2C684&amp;ssl=1 1024w, https:\/\/i0.wp.com\/itayachtscanada.com\/wp-content\/uploads\/2024\/09\/Capture-decran-le-2024-09-03-a-14.20.07.jpg?resize=768%2C513&amp;ssl=1 768w, https:\/\/i0.wp.com\/itayachtscanada.com\/wp-content\/uploads\/2024\/09\/Capture-decran-le-2024-09-03-a-14.20.07.jpg?resize=700%2C468&amp;ssl=1 700w, https:\/\/i0.wp.com\/itayachtscanada.com\/wp-content\/uploads\/2024\/09\/Capture-decran-le-2024-09-03-a-14.20.07.jpg?resize=900%2C600&amp;ssl=1 900w, https:\/\/i0.wp.com\/itayachtscanada.com\/wp-content\/uploads\/2024\/09\/Capture-decran-le-2024-09-03-a-14.20.07.jpg?resize=599%2C400&amp;ssl=1 599w, https:\/\/i0.wp.com\/itayachtscanada.com\/wp-content\/uploads\/2024\/09\/Capture-decran-le-2024-09-03-a-14.20.07.jpg?w=1400&amp;ssl=1 1400w\" width=\"346\" height=\"231\" loading=\"lazy\" data-original-width=\"346\" data-original-height=\"231\" itemprop=\"http:\/\/schema.org\/image\" title=\"Capture d\u2019e\u0301cran, le 2024-09-03 a\u0300 14.20.07\" alt=\"Capture d\u2019e\u0301cran, le 2024-09-03 a\u0300 14.20.07\" style=\"width: 346px; height: 231px;\" \/> <\/a> <\/div> <\/div> <!-- close group --> <\/div> <!-- close row --> <div class=\"gallery-row\" style=\"width: 700px; height: 314px;\" data-original-width=\"700\" data-original-height=\"314\" > <div class=\"gallery-group images-1\" style=\"width: 467px; height: 314px;\" data-original-width=\"467\" data-original-height=\"314\" > <div class=\"tiled-gallery-item tiled-gallery-item-large\" itemprop=\"associatedMedia\" itemscope itemtype=\"http:\/\/schema.org\/ImageObject\"> <a href=\"https:\/\/itayachtscanada.com\/fr\/listing\/ferretti-custom-line-106-2023-10995000-usd-for-sale\/capture-decran-le-2024-09-03-a-14-20-04\/\" border=\"0\" itemprop=\"url\"> <meta itemprop=\"width\" content=\"463\"> <meta itemprop=\"height\" content=\"310\"> <img decoding=\"async\" class=\"\" data-attachment-id=\"175915\" data-orig-file=\"https:\/\/itayachtscanada.com\/wp-content\/uploads\/2024\/09\/Capture-decran-le-2024-09-03-a-14.20.04.jpg\" data-orig-size=\"1506,1006\" data-comments-opened=\"1\" data-image-meta=\"{&quot;aperture&quot;:&quot;0&quot;,&quot;credit&quot;:&quot;&quot;,&quot;camera&quot;:&quot;&quot;,&quot;caption&quot;:&quot;&quot;,&quot;created_timestamp&quot;:&quot;0&quot;,&quot;copyright&quot;:&quot;&quot;,&quot;focal_length&quot;:&quot;0&quot;,&quot;iso&quot;:&quot;0&quot;,&quot;shutter_speed&quot;:&quot;0&quot;,&quot;title&quot;:&quot;&quot;,&quot;orientation&quot;:&quot;0&quot;}\" data-image-title=\"Capture d\u2019e\u0301cran, le 2024-09-03 a\u0300 14.20.04\" data-image-description=\"\" data-medium-file=\"https:\/\/i0.wp.com\/itayachtscanada.com\/wp-content\/uploads\/2024\/09\/Capture-decran-le-2024-09-03-a-14.20.04.jpg?fit=300%2C200&#038;ssl=1\" data-large-file=\"https:\/\/i0.wp.com\/itayachtscanada.com\/wp-content\/uploads\/2024\/09\/Capture-decran-le-2024-09-03-a-14.20.04.jpg?fit=700%2C468&#038;ssl=1\" src=\"https:\/\/i0.wp.com\/itayachtscanada.com\/wp-content\/uploads\/2024\/09\/Capture-decran-le-2024-09-03-a-14.20.04.jpg?w=463&#038;h=310&#038;ssl=1\" srcset=\"https:\/\/i0.wp.com\/itayachtscanada.com\/wp-content\/uploads\/2024\/09\/Capture-decran-le-2024-09-03-a-14.20.04.jpg?w=1506&amp;ssl=1 1506w, https:\/\/i0.wp.com\/itayachtscanada.com\/wp-content\/uploads\/2024\/09\/Capture-decran-le-2024-09-03-a-14.20.04.jpg?resize=300%2C200&amp;ssl=1 300w, https:\/\/i0.wp.com\/itayachtscanada.com\/wp-content\/uploads\/2024\/09\/Capture-decran-le-2024-09-03-a-14.20.04.jpg?resize=1024%2C684&amp;ssl=1 1024w, https:\/\/i0.wp.com\/itayachtscanada.com\/wp-content\/uploads\/2024\/09\/Capture-decran-le-2024-09-03-a-14.20.04.jpg?resize=768%2C513&amp;ssl=1 768w, https:\/\/i0.wp.com\/itayachtscanada.com\/wp-content\/uploads\/2024\/09\/Capture-decran-le-2024-09-03-a-14.20.04.jpg?resize=700%2C468&amp;ssl=1 700w, https:\/\/i0.wp.com\/itayachtscanada.com\/wp-content\/uploads\/2024\/09\/Capture-decran-le-2024-09-03-a-14.20.04.jpg?resize=900%2C600&amp;ssl=1 900w, https:\/\/i0.wp.com\/itayachtscanada.com\/wp-content\/uploads\/2024\/09\/Capture-decran-le-2024-09-03-a-14.20.04.jpg?resize=599%2C400&amp;ssl=1 599w, https:\/\/i0.wp.com\/itayachtscanada.com\/wp-content\/uploads\/2024\/09\/Capture-decran-le-2024-09-03-a-14.20.04.jpg?w=1400&amp;ssl=1 1400w\" width=\"463\" height=\"310\" loading=\"lazy\" data-original-width=\"463\" data-original-height=\"310\" itemprop=\"http:\/\/schema.org\/image\" title=\"Capture d\u2019e\u0301cran, le 2024-09-03 a\u0300 14.20.04\" alt=\"Capture d\u2019e\u0301cran, le 2024-09-03 a\u0300 14.20.04\" style=\"width: 463px; height: 310px;\" \/> <\/a> <\/div> <\/div> <!-- close group --> <div class=\"gallery-group images-2\" style=\"width: 233px; height: 314px;\" data-original-width=\"233\" data-original-height=\"314\" > <div class=\"tiled-gallery-item tiled-gallery-item-small\" itemprop=\"associatedMedia\" itemscope itemtype=\"http:\/\/schema.org\/ImageObject\"> <a href=\"https:\/\/itayachtscanada.com\/fr\/listing\/ferretti-custom-line-106-2023-10995000-usd-for-sale\/capture-decran-le-2024-09-03-a-14-20-00\/\" border=\"0\" itemprop=\"url\"> <meta itemprop=\"width\" content=\"229\"> <meta itemprop=\"height\" content=\"153\"> <img decoding=\"async\" class=\"\" data-attachment-id=\"175916\" data-orig-file=\"https:\/\/itayachtscanada.com\/wp-content\/uploads\/2024\/09\/Capture-decran-le-2024-09-03-a-14.20.00.jpg\" data-orig-size=\"1506,1006\" data-comments-opened=\"1\" data-image-meta=\"{&quot;aperture&quot;:&quot;0&quot;,&quot;credit&quot;:&quot;&quot;,&quot;camera&quot;:&quot;&quot;,&quot;caption&quot;:&quot;&quot;,&quot;created_timestamp&quot;:&quot;0&quot;,&quot;copyright&quot;:&quot;&quot;,&quot;focal_length&quot;:&quot;0&quot;,&quot;iso&quot;:&quot;0&quot;,&quot;shutter_speed&quot;:&quot;0&quot;,&quot;title&quot;:&quot;&quot;,&quot;orientation&quot;:&quot;0&quot;}\" data-image-title=\"Capture d\u2019e\u0301cran, le 2024-09-03 a\u0300 14.20.00\" data-image-description=\"\" data-medium-file=\"https:\/\/i0.wp.com\/itayachtscanada.com\/wp-content\/uploads\/2024\/09\/Capture-decran-le-2024-09-03-a-14.20.00.jpg?fit=300%2C200&#038;ssl=1\" data-large-file=\"https:\/\/i0.wp.com\/itayachtscanada.com\/wp-content\/uploads\/2024\/09\/Capture-decran-le-2024-09-03-a-14.20.00.jpg?fit=700%2C468&#038;ssl=1\" src=\"https:\/\/i0.wp.com\/itayachtscanada.com\/wp-content\/uploads\/2024\/09\/Capture-decran-le-2024-09-03-a-14.20.00.jpg?w=229&#038;h=153&#038;ssl=1\" srcset=\"https:\/\/i0.wp.com\/itayachtscanada.com\/wp-content\/uploads\/2024\/09\/Capture-decran-le-2024-09-03-a-14.20.00.jpg?w=1506&amp;ssl=1 1506w, https:\/\/i0.wp.com\/itayachtscanada.com\/wp-content\/uploads\/2024\/09\/Capture-decran-le-2024-09-03-a-14.20.00.jpg?resize=300%2C200&amp;ssl=1 300w, https:\/\/i0.wp.com\/itayachtscanada.com\/wp-content\/uploads\/2024\/09\/Capture-decran-le-2024-09-03-a-14.20.00.jpg?resize=1024%2C684&amp;ssl=1 1024w, https:\/\/i0.wp.com\/itayachtscanada.com\/wp-content\/uploads\/2024\/09\/Capture-decran-le-2024-09-03-a-14.20.00.jpg?resize=768%2C513&amp;ssl=1 768w, https:\/\/i0.wp.com\/itayachtscanada.com\/wp-content\/uploads\/2024\/09\/Capture-decran-le-2024-09-03-a-14.20.00.jpg?resize=700%2C468&amp;ssl=1 700w, https:\/\/i0.wp.com\/itayachtscanada.com\/wp-content\/uploads\/2024\/09\/Capture-decran-le-2024-09-03-a-14.20.00.jpg?resize=900%2C600&amp;ssl=1 900w, https:\/\/i0.wp.com\/itayachtscanada.com\/wp-content\/uploads\/2024\/09\/Capture-decran-le-2024-09-03-a-14.20.00.jpg?resize=599%2C400&amp;ssl=1 599w, https:\/\/i0.wp.com\/itayachtscanada.com\/wp-content\/uploads\/2024\/09\/Capture-decran-le-2024-09-03-a-14.20.00.jpg?w=1400&amp;ssl=1 1400w\" width=\"229\" height=\"153\" loading=\"lazy\" data-original-width=\"229\" data-original-height=\"153\" itemprop=\"http:\/\/schema.org\/image\" title=\"Capture d\u2019e\u0301cran, le 2024-09-03 a\u0300 14.20.00\" alt=\"Capture d\u2019e\u0301cran, le 2024-09-03 a\u0300 14.20.00\" style=\"width: 229px; height: 153px;\" \/> <\/a> <\/div> <div class=\"tiled-gallery-item tiled-gallery-item-small\" itemprop=\"associatedMedia\" itemscope itemtype=\"http:\/\/schema.org\/ImageObject\"> <a href=\"https:\/\/itayachtscanada.com\/fr\/listing\/ferretti-custom-line-106-2023-10995000-usd-for-sale\/capture-decran-le-2024-09-03-a-14-19-57\/\" border=\"0\" itemprop=\"url\"> <meta itemprop=\"width\" content=\"229\"> <meta itemprop=\"height\" content=\"153\"> <img decoding=\"async\" class=\"\" data-attachment-id=\"175917\" data-orig-file=\"https:\/\/itayachtscanada.com\/wp-content\/uploads\/2024\/09\/Capture-decran-le-2024-09-03-a-14.19.57.jpg\" data-orig-size=\"1506,1006\" data-comments-opened=\"1\" data-image-meta=\"{&quot;aperture&quot;:&quot;0&quot;,&quot;credit&quot;:&quot;&quot;,&quot;camera&quot;:&quot;&quot;,&quot;caption&quot;:&quot;&quot;,&quot;created_timestamp&quot;:&quot;0&quot;,&quot;copyright&quot;:&quot;&quot;,&quot;focal_length&quot;:&quot;0&quot;,&quot;iso&quot;:&quot;0&quot;,&quot;shutter_speed&quot;:&quot;0&quot;,&quot;title&quot;:&quot;&quot;,&quot;orientation&quot;:&quot;0&quot;}\" data-image-title=\"Capture d\u2019e\u0301cran, le 2024-09-03 a\u0300 14.19.57\" data-image-description=\"\" data-medium-file=\"https:\/\/i0.wp.com\/itayachtscanada.com\/wp-content\/uploads\/2024\/09\/Capture-decran-le-2024-09-03-a-14.19.57.jpg?fit=300%2C200&#038;ssl=1\" data-large-file=\"https:\/\/i0.wp.com\/itayachtscanada.com\/wp-content\/uploads\/2024\/09\/Capture-decran-le-2024-09-03-a-14.19.57.jpg?fit=700%2C468&#038;ssl=1\" src=\"https:\/\/i0.wp.com\/itayachtscanada.com\/wp-content\/uploads\/2024\/09\/Capture-decran-le-2024-09-03-a-14.19.57.jpg?w=229&#038;h=153&#038;ssl=1\" srcset=\"https:\/\/i0.wp.com\/itayachtscanada.com\/wp-content\/uploads\/2024\/09\/Capture-decran-le-2024-09-03-a-14.19.57.jpg?w=1506&amp;ssl=1 1506w, https:\/\/i0.wp.com\/itayachtscanada.com\/wp-content\/uploads\/2024\/09\/Capture-decran-le-2024-09-03-a-14.19.57.jpg?resize=300%2C200&amp;ssl=1 300w, https:\/\/i0.wp.com\/itayachtscanada.com\/wp-content\/uploads\/2024\/09\/Capture-decran-le-2024-09-03-a-14.19.57.jpg?resize=1024%2C684&amp;ssl=1 1024w, https:\/\/i0.wp.com\/itayachtscanada.com\/wp-content\/uploads\/2024\/09\/Capture-decran-le-2024-09-03-a-14.19.57.jpg?resize=768%2C513&amp;ssl=1 768w, https:\/\/i0.wp.com\/itayachtscanada.com\/wp-content\/uploads\/2024\/09\/Capture-decran-le-2024-09-03-a-14.19.57.jpg?resize=700%2C468&amp;ssl=1 700w, https:\/\/i0.wp.com\/itayachtscanada.com\/wp-content\/uploads\/2024\/09\/Capture-decran-le-2024-09-03-a-14.19.57.jpg?resize=900%2C600&amp;ssl=1 900w, https:\/\/i0.wp.com\/itayachtscanada.com\/wp-content\/uploads\/2024\/09\/Capture-decran-le-2024-09-03-a-14.19.57.jpg?resize=599%2C400&amp;ssl=1 599w, https:\/\/i0.wp.com\/itayachtscanada.com\/wp-content\/uploads\/2024\/09\/Capture-decran-le-2024-09-03-a-14.19.57.jpg?w=1400&amp;ssl=1 1400w\" width=\"229\" height=\"153\" loading=\"lazy\" data-original-width=\"229\" data-original-height=\"153\" itemprop=\"http:\/\/schema.org\/image\" title=\"Capture d\u2019e\u0301cran, le 2024-09-03 a\u0300 14.19.57\" alt=\"Capture d\u2019e\u0301cran, le 2024-09-03 a\u0300 14.19.57\" style=\"width: 229px; height: 153px;\" \/> <\/a> <\/div> <\/div> <!-- close group --> <\/div> <!-- close row --> <div class=\"gallery-row\" style=\"width: 700px; height: 235px;\" data-original-width=\"700\" data-original-height=\"235\" > <div class=\"gallery-group images-1\" style=\"width: 350px; height: 235px;\" data-original-width=\"350\" data-original-height=\"235\" > <div class=\"tiled-gallery-item tiled-gallery-item-large\" itemprop=\"associatedMedia\" itemscope itemtype=\"http:\/\/schema.org\/ImageObject\"> <a href=\"https:\/\/itayachtscanada.com\/fr\/listing\/ferretti-custom-line-106-2023-10995000-usd-for-sale\/capture-decran-le-2024-09-03-a-14-19-54\/\" border=\"0\" itemprop=\"url\"> <meta itemprop=\"width\" content=\"346\"> <meta itemprop=\"height\" content=\"231\"> <img decoding=\"async\" class=\"\" data-attachment-id=\"175918\" data-orig-file=\"https:\/\/itayachtscanada.com\/wp-content\/uploads\/2024\/09\/Capture-decran-le-2024-09-03-a-14.19.54.jpg\" data-orig-size=\"1506,1006\" data-comments-opened=\"1\" data-image-meta=\"{&quot;aperture&quot;:&quot;0&quot;,&quot;credit&quot;:&quot;&quot;,&quot;camera&quot;:&quot;&quot;,&quot;caption&quot;:&quot;&quot;,&quot;created_timestamp&quot;:&quot;0&quot;,&quot;copyright&quot;:&quot;&quot;,&quot;focal_length&quot;:&quot;0&quot;,&quot;iso&quot;:&quot;0&quot;,&quot;shutter_speed&quot;:&quot;0&quot;,&quot;title&quot;:&quot;&quot;,&quot;orientation&quot;:&quot;0&quot;}\" data-image-title=\"Capture d\u2019e\u0301cran, le 2024-09-03 a\u0300 14.19.54\" data-image-description=\"\" data-medium-file=\"https:\/\/i0.wp.com\/itayachtscanada.com\/wp-content\/uploads\/2024\/09\/Capture-decran-le-2024-09-03-a-14.19.54.jpg?fit=300%2C200&#038;ssl=1\" data-large-file=\"https:\/\/i0.wp.com\/itayachtscanada.com\/wp-content\/uploads\/2024\/09\/Capture-decran-le-2024-09-03-a-14.19.54.jpg?fit=700%2C468&#038;ssl=1\" src=\"https:\/\/i0.wp.com\/itayachtscanada.com\/wp-content\/uploads\/2024\/09\/Capture-decran-le-2024-09-03-a-14.19.54.jpg?w=346&#038;h=231&#038;ssl=1\" srcset=\"https:\/\/i0.wp.com\/itayachtscanada.com\/wp-content\/uploads\/2024\/09\/Capture-decran-le-2024-09-03-a-14.19.54.jpg?w=1506&amp;ssl=1 1506w, https:\/\/i0.wp.com\/itayachtscanada.com\/wp-content\/uploads\/2024\/09\/Capture-decran-le-2024-09-03-a-14.19.54.jpg?resize=300%2C200&amp;ssl=1 300w, https:\/\/i0.wp.com\/itayachtscanada.com\/wp-content\/uploads\/2024\/09\/Capture-decran-le-2024-09-03-a-14.19.54.jpg?resize=1024%2C684&amp;ssl=1 1024w, https:\/\/i0.wp.com\/itayachtscanada.com\/wp-content\/uploads\/2024\/09\/Capture-decran-le-2024-09-03-a-14.19.54.jpg?resize=768%2C513&amp;ssl=1 768w, https:\/\/i0.wp.com\/itayachtscanada.com\/wp-content\/uploads\/2024\/09\/Capture-decran-le-2024-09-03-a-14.19.54.jpg?resize=700%2C468&amp;ssl=1 700w, https:\/\/i0.wp.com\/itayachtscanada.com\/wp-content\/uploads\/2024\/09\/Capture-decran-le-2024-09-03-a-14.19.54.jpg?resize=900%2C600&amp;ssl=1 900w, https:\/\/i0.wp.com\/itayachtscanada.com\/wp-content\/uploads\/2024\/09\/Capture-decran-le-2024-09-03-a-14.19.54.jpg?resize=599%2C400&amp;ssl=1 599w, https:\/\/i0.wp.com\/itayachtscanada.com\/wp-content\/uploads\/2024\/09\/Capture-decran-le-2024-09-03-a-14.19.54.jpg?w=1400&amp;ssl=1 1400w\" width=\"346\" height=\"231\" loading=\"lazy\" data-original-width=\"346\" data-original-height=\"231\" itemprop=\"http:\/\/schema.org\/image\" title=\"Capture d\u2019e\u0301cran, le 2024-09-03 a\u0300 14.19.54\" alt=\"Capture d\u2019e\u0301cran, le 2024-09-03 a\u0300 14.19.54\" style=\"width: 346px; height: 231px;\" \/> <\/a> <\/div> <\/div> <!-- close group --> <div class=\"gallery-group images-1\" style=\"width: 350px; height: 235px;\" data-original-width=\"350\" data-original-height=\"235\" > <div class=\"tiled-gallery-item tiled-gallery-item-large\" itemprop=\"associatedMedia\" itemscope itemtype=\"http:\/\/schema.org\/ImageObject\"> <a href=\"https:\/\/itayachtscanada.com\/fr\/listing\/ferretti-custom-line-106-2023-10995000-usd-for-sale\/capture-decran-le-2024-09-03-a-14-19-43\/\" border=\"0\" itemprop=\"url\"> <meta itemprop=\"width\" content=\"346\"> <meta itemprop=\"height\" content=\"231\"> <img decoding=\"async\" class=\"\" data-attachment-id=\"175920\" data-orig-file=\"https:\/\/itayachtscanada.com\/wp-content\/uploads\/2024\/09\/Capture-decran-le-2024-09-03-a-14.19.43.jpg\" data-orig-size=\"1506,1006\" data-comments-opened=\"1\" data-image-meta=\"{&quot;aperture&quot;:&quot;0&quot;,&quot;credit&quot;:&quot;&quot;,&quot;camera&quot;:&quot;&quot;,&quot;caption&quot;:&quot;&quot;,&quot;created_timestamp&quot;:&quot;0&quot;,&quot;copyright&quot;:&quot;&quot;,&quot;focal_length&quot;:&quot;0&quot;,&quot;iso&quot;:&quot;0&quot;,&quot;shutter_speed&quot;:&quot;0&quot;,&quot;title&quot;:&quot;&quot;,&quot;orientation&quot;:&quot;0&quot;}\" data-image-title=\"Capture d\u2019e\u0301cran, le 2024-09-03 a\u0300 14.19.43\" data-image-description=\"\" data-medium-file=\"https:\/\/i0.wp.com\/itayachtscanada.com\/wp-content\/uploads\/2024\/09\/Capture-decran-le-2024-09-03-a-14.19.43.jpg?fit=300%2C200&#038;ssl=1\" data-large-file=\"https:\/\/i0.wp.com\/itayachtscanada.com\/wp-content\/uploads\/2024\/09\/Capture-decran-le-2024-09-03-a-14.19.43.jpg?fit=700%2C468&#038;ssl=1\" src=\"https:\/\/i0.wp.com\/itayachtscanada.com\/wp-content\/uploads\/2024\/09\/Capture-decran-le-2024-09-03-a-14.19.43.jpg?w=346&#038;h=231&#038;ssl=1\" srcset=\"https:\/\/i0.wp.com\/itayachtscanada.com\/wp-content\/uploads\/2024\/09\/Capture-decran-le-2024-09-03-a-14.19.43.jpg?w=1506&amp;ssl=1 1506w, https:\/\/i0.wp.com\/itayachtscanada.com\/wp-content\/uploads\/2024\/09\/Capture-decran-le-2024-09-03-a-14.19.43.jpg?resize=300%2C200&amp;ssl=1 300w, https:\/\/i0.wp.com\/itayachtscanada.com\/wp-content\/uploads\/2024\/09\/Capture-decran-le-2024-09-03-a-14.19.43.jpg?resize=1024%2C684&amp;ssl=1 1024w, https:\/\/i0.wp.com\/itayachtscanada.com\/wp-content\/uploads\/2024\/09\/Capture-decran-le-2024-09-03-a-14.19.43.jpg?resize=768%2C513&amp;ssl=1 768w, https:\/\/i0.wp.com\/itayachtscanada.com\/wp-content\/uploads\/2024\/09\/Capture-decran-le-2024-09-03-a-14.19.43.jpg?resize=700%2C468&amp;ssl=1 700w, https:\/\/i0.wp.com\/itayachtscanada.com\/wp-content\/uploads\/2024\/09\/Capture-decran-le-2024-09-03-a-14.19.43.jpg?resize=900%2C600&amp;ssl=1 900w, https:\/\/i0.wp.com\/itayachtscanada.com\/wp-content\/uploads\/2024\/09\/Capture-decran-le-2024-09-03-a-14.19.43.jpg?resize=599%2C400&amp;ssl=1 599w, https:\/\/i0.wp.com\/itayachtscanada.com\/wp-content\/uploads\/2024\/09\/Capture-decran-le-2024-09-03-a-14.19.43.jpg?w=1400&amp;ssl=1 1400w\" width=\"346\" height=\"231\" loading=\"lazy\" data-original-width=\"346\" data-original-height=\"231\" itemprop=\"http:\/\/schema.org\/image\" title=\"Capture d\u2019e\u0301cran, le 2024-09-03 a\u0300 14.19.43\" alt=\"Capture d\u2019e\u0301cran, le 2024-09-03 a\u0300 14.19.43\" style=\"width: 346px; height: 231px;\" \/> <\/a> <\/div> <\/div> <!-- close group --> <\/div> <!-- close row --> <div class=\"gallery-row\" style=\"width: 700px; height: 1058px;\" data-original-width=\"700\" data-original-height=\"1058\" > <div class=\"gallery-group images-1\" style=\"width: 700px; height: 1058px;\" data-original-width=\"700\" data-original-height=\"1058\" > <div class=\"tiled-gallery-item tiled-gallery-item-large\" itemprop=\"associatedMedia\" itemscope itemtype=\"http:\/\/schema.org\/ImageObject\"> <a href=\"https:\/\/itayachtscanada.com\/fr\/listing\/ferretti-custom-line-106-2023-10995000-usd-for-sale\/capture-decran-le-2024-09-03-a-14-19-30\/\" border=\"0\" itemprop=\"url\"> <meta itemprop=\"width\" content=\"696\"> <meta itemprop=\"height\" content=\"1054\"> <img decoding=\"async\" class=\"\" data-attachment-id=\"175921\" data-orig-file=\"https:\/\/itayachtscanada.com\/wp-content\/uploads\/2024\/09\/Capture-decran-le-2024-09-03-a-14.19.30.jpg\" data-orig-size=\"664,1006\" data-comments-opened=\"1\" data-image-meta=\"{&quot;aperture&quot;:&quot;0&quot;,&quot;credit&quot;:&quot;&quot;,&quot;camera&quot;:&quot;&quot;,&quot;caption&quot;:&quot;&quot;,&quot;created_timestamp&quot;:&quot;0&quot;,&quot;copyright&quot;:&quot;&quot;,&quot;focal_length&quot;:&quot;0&quot;,&quot;iso&quot;:&quot;0&quot;,&quot;shutter_speed&quot;:&quot;0&quot;,&quot;title&quot;:&quot;&quot;,&quot;orientation&quot;:&quot;0&quot;}\" data-image-title=\"Capture d\u2019e\u0301cran, le 2024-09-03 a\u0300 14.19.30\" data-image-description=\"\" data-medium-file=\"https:\/\/i0.wp.com\/itayachtscanada.com\/wp-content\/uploads\/2024\/09\/Capture-decran-le-2024-09-03-a-14.19.30.jpg?fit=198%2C300&#038;ssl=1\" data-large-file=\"https:\/\/i0.wp.com\/itayachtscanada.com\/wp-content\/uploads\/2024\/09\/Capture-decran-le-2024-09-03-a-14.19.30.jpg?fit=664%2C1006&#038;ssl=1\" src=\"https:\/\/i0.wp.com\/itayachtscanada.com\/wp-content\/uploads\/2024\/09\/Capture-decran-le-2024-09-03-a-14.19.30.jpg?w=696&#038;h=1054&#038;ssl=1\" srcset=\"https:\/\/i0.wp.com\/itayachtscanada.com\/wp-content\/uploads\/2024\/09\/Capture-decran-le-2024-09-03-a-14.19.30.jpg?w=664&amp;ssl=1 664w, https:\/\/i0.wp.com\/itayachtscanada.com\/wp-content\/uploads\/2024\/09\/Capture-decran-le-2024-09-03-a-14.19.30.jpg?resize=198%2C300&amp;ssl=1 198w, https:\/\/i0.wp.com\/itayachtscanada.com\/wp-content\/uploads\/2024\/09\/Capture-decran-le-2024-09-03-a-14.19.30.jpg?resize=264%2C400&amp;ssl=1 264w\" width=\"696\" height=\"1054\" loading=\"lazy\" data-original-width=\"696\" data-original-height=\"1054\" itemprop=\"http:\/\/schema.org\/image\" title=\"Capture d\u2019e\u0301cran, le 2024-09-03 a\u0300 14.19.30\" alt=\"Capture d\u2019e\u0301cran, le 2024-09-03 a\u0300 14.19.30\" style=\"width: 696px; height: 1054px;\" \/> <\/a> <\/div> <\/div> <!-- close group --> <\/div> <!-- close row --> <\/div>\n<div class=\"jetpack-video-wrapper\"><span class=\"embed-youtube\" style=\"text-align:center; display: block;\"><iframe loading=\"lazy\" class=\"youtube-player\" width=\"700\" height=\"394\" src=\"https:\/\/www.youtube.com\/embed\/_1poPuyl9TA?version=3&#038;rel=1&#038;showsearch=0&#038;showinfo=1&#038;iv_load_policy=1&#038;fs=1&#038;hl=fr-FR&#038;autohide=2&#038;wmode=transparent\" allowfullscreen=\"true\" style=\"border:0;\" sandbox=\"allow-scripts allow-same-origin allow-popups allow-presentation allow-popups-to-escape-sandbox\"><\/iframe><\/span><\/div>\n<div class=\"jetpack-video-wrapper\"><span class=\"embed-youtube\" style=\"text-align:center; display: block;\"><iframe loading=\"lazy\" class=\"youtube-player\" width=\"700\" height=\"394\" src=\"https:\/\/www.youtube.com\/embed\/dKY_hXTQz9g?version=3&#038;rel=1&#038;showsearch=0&#038;showinfo=1&#038;iv_load_policy=1&#038;fs=1&#038;hl=fr-FR&#038;autohide=2&#038;start=11&#038;wmode=transparent\" allowfullscreen=\"true\" style=\"border:0;\" sandbox=\"allow-scripts allow-same-origin allow-popups allow-presentation allow-popups-to-escape-sandbox\"><\/iframe><\/span><\/div>\n<div class=\"jetpack-video-wrapper\"><span class=\"embed-youtube\" style=\"text-align:center; display: block;\"><iframe loading=\"lazy\" class=\"youtube-player\" width=\"700\" height=\"394\" src=\"https:\/\/www.youtube.com\/embed\/phdw1jfxzeg?version=3&#038;rel=1&#038;showsearch=0&#038;showinfo=1&#038;iv_load_policy=1&#038;fs=1&#038;hl=fr-FR&#038;autohide=2&#038;wmode=transparent\" allowfullscreen=\"true\" style=\"border:0;\" sandbox=\"allow-scripts allow-same-origin allow-popups allow-presentation allow-popups-to-escape-sandbox\"><\/iframe><\/span><\/div>\n<p><strong>\u00a0<\/strong><\/p>\n<p>&nbsp;<\/p>\n<p><strong>Ita Yachts Canada propose de vous assister et de voir \u00e0 vos int\u00e9r\u00eats pour l\u2019achat de ce yacht qui est \u00e0 vendre par une autre organisation. Nous serons pr\u00e9sents lors de l\u2019inspection et tout au long de la transaction et ce peu importe sa localisation. L\u2019\u00e9quipe d\u2019Ita Yachts Canada se soumet au plus haut standard d\u2019\u00e9thique.<\/strong><\/p>\n<p>&nbsp;<\/p>\n<\/div>\n<div>\n<div class=\"content-header\"><\/div>\n<\/div>\n<div>\n<div class=\"html-content-description\">\n<p>Coque et structure<\/p>\n<p>COQUE G\u00c9N\u00c9RALIT\u00c9S<\/p>\n<p>La forme de la coque est con\u00e7ue sur la base de l&rsquo;exp\u00e9rience acquise sur des yachts similaires pr\u00e9c\u00e9dents, en tenant compte des caract\u00e9ristiques de r\u00e9sistance, de tenue en mer et de man\u0153uvrabilit\u00e9.<\/p>\n<p>La conception et l&rsquo;\u00e9valuation structurelles sont d\u00e9sign\u00e9es selon l&rsquo;exp\u00e9rience la plus r\u00e9cente acquise par le constructeur dans la conception et la construction de GRP pour ce type de yacht et selon les r\u00e8gles de classification RINA. La coque est divis\u00e9e en 3 compartiments \u00e9tanches, par la cloison d&rsquo;abordage \u00e9tanche sur le coqueron avant et la cloison d&rsquo;abordage \u00e9tanche de la salle des machines, conform\u00e9ment aux r\u00e8gles de classification. La cloison d&rsquo;abordage \u00e9tanche est positionn\u00e9e conform\u00e9ment aux r\u00e8gles de classification. Un espace de puits \u00e0 cha\u00eene adapt\u00e9 pour contenir les c\u00e2bles de cha\u00eene b\u00e2bord et tribord est pr\u00e9vu devant la cloison d&rsquo;abordage \u00e9tanche.<\/p>\n<p>MAT\u00c9RIAUX ET CONSTRUCTION DE LA COQUE ET DU PONT<\/p>\n<p>Le yacht a \u00e9t\u00e9 construit avec une combinaison de stratifi\u00e9 GRP sandwich et simple peau utilisant des fibres de verre E\/carbone mat, unidirectionnelles\/biaxiales et des noyaux en mousse \u00e0 cellules ferm\u00e9es pour le sandwich, selon les dessins structurels approuv\u00e9s par les r\u00e8gles de classification.<br \/>\nCoque et structure<\/p>\n<p>COQUE G\u00c9N\u00c9RALIT\u00c9S<\/p>\n<p>La forme de la coque est con\u00e7ue sur la base de l&rsquo;exp\u00e9rience acquise sur des yachts similaires pr\u00e9c\u00e9dents, en tenant compte des caract\u00e9ristiques de r\u00e9sistance, de tenue en mer et de man\u0153uvrabilit\u00e9.<\/p>\n<p>La conception et l&rsquo;\u00e9valuation structurelles sont d\u00e9sign\u00e9es selon l&rsquo;exp\u00e9rience la plus r\u00e9cente acquise par le constructeur dans la conception et la construction de GRP pour ce type de yacht et selon les r\u00e8gles de classification RINA. La coque est divis\u00e9e en 3 compartiments \u00e9tanches, par la cloison d&rsquo;abordage \u00e9tanche sur le coqueron avant et la cloison d&rsquo;abordage \u00e9tanche de la salle des machines, conform\u00e9ment aux r\u00e8gles de classification. La cloison d&rsquo;abordage \u00e9tanche est positionn\u00e9e conform\u00e9ment aux r\u00e8gles de classification. Un espace de puits \u00e0 cha\u00eene adapt\u00e9 pour contenir les c\u00e2bles de cha\u00eene b\u00e2bord et tribord est pr\u00e9vu devant la cloison d&rsquo;abordage \u00e9tanche.<\/p>\n<p>MAT\u00c9RIAUX ET CONSTRUCTION DE LA COQUE ET DU PONT<\/p>\n<p>Le yacht a \u00e9t\u00e9 construit avec une combinaison de stratifi\u00e9 GRP sandwich et simple peau utilisant des fibres de verre E\/carbone mat, unidirectionnelles\/biaxiales et des noyaux en mousse \u00e0 cellules ferm\u00e9es pour le sandwich, selon les dessins structurels approuv\u00e9s par les r\u00e8gles de classification.<br \/>\nHull and structure<\/p>\n<p>COQUE GENERAL<\/p>\n<p>The hull form is designed based on the experience gained on previous similar yachts, taking into account the strength, seakeeping and manoeuvrability characteristics.<\/p>\n<p>The structural design and assessment are designated according to the most recent experience gained by the builder in the design and construction of GRP for this type of yacht and according to the RINA classification rules. The hull is divided into 3 watertight compartments, by the watertight collision bulkhead on the forepeak and the watertight collision bulkhead in the engine room, in accordance with the classification rules. The watertight collision bulkhead is positioned in accordance with the classification rules. A chain locker space suitable for containing the port and starboard chain cables is provided in front of the watertight collision bulkhead.<\/p>\n<p>COQUE ET\u00a0 DECK MATERIEL ET CONSTRUCTION<\/p>\n<p>The yacht has been built with a combination of sandwich and single skin GRP laminate using matt, unidirectional\/biaxial E-glass\/carbon fibres and closed cell foam cores for the sandwich, according to structural drawings approved by the classification rules.<br \/>\nCoque et structure<\/p>\n<p>COQUE G\u00c9N\u00c9RALE<\/p>\n<p>La forme de la coque est con\u00e7ue sur la base de l&rsquo;exp\u00e9rience acquise avec des yachts similaires pr\u00e9c\u00e9dents, en tenant compte des caract\u00e9ristiques de r\u00e9sistance, de tenue en mer et de maniabilit\u00e9.<\/p>\n<p>La conception et l&rsquo;\u00e9valuation structurelles sont d\u00e9sign\u00e9es en fonction de l&rsquo;exp\u00e9rience la plus r\u00e9cente acquise par le constructeur dans la conception et la construction de GRP pour ce type de yacht et selon les r\u00e8gles de classification RINA. La coque est divis\u00e9e en 3 compartiments \u00e9tanches, par la cloison \u00e9tanche d&rsquo;abordage du coqueron avant et la cloison \u00e9tanche de la salle des machines, conform\u00e9ment aux r\u00e8gles de classification. La cloison \u00e9tanche d&rsquo;abordage est positionn\u00e9e conform\u00e9ment aux r\u00e8gles de classification. Un espace de coffre \u00e0 cha\u00eene adapt\u00e9 pour contenir les c\u00e2bles de cha\u00eene b\u00e2bord et tribord est pr\u00e9vu \u00e0 l&rsquo;avant de la cloison \u00e9tanche d&rsquo;abordage.<\/p>\n<p>MAT\u00c9RIAUX ET CONSTRUCTION DE LA COQUE ET DU PONT<\/p>\n<p>Le yacht a \u00e9t\u00e9 construit avec une combinaison de sandwich et de stratifi\u00e9 GRP simple peau utilisant des fibres de verre E\/carbone mates, unidirectionnelles\/biaxiales et des noyaux de mousse \u00e0 cellules ferm\u00e9es pour sandwich, conform\u00e9ment aux dessins structurels approuv\u00e9s par les r\u00e8gles de classification.<br \/>\nHull and Structure<\/p>\n<p>HULL GENERAL<\/p>\n<p>The hull form is designed based on the experience gained with previous similar yachts, taking into account the strength, seakeeping and handling characteristics.<\/p>\n<p>The structural design and assessment are designated according to the most recent experience gained by the builder in the design and construction of GRP for this type of yacht and according to the RINA classification rules. The hull is divided into 3 watertight compartments, by the forepeak watertight bulkhead and the engine room watertight bulkhead, in accordance with the classification rules. The watertight collision bulkhead is positioned in accordance with the classification rules. A chain locker space suitable for containing the port and starboard chain cables is provided forward of the watertight collision bulkhead.<\/p>\n<p>HULL AND DECK MATERIALS AND CONSTRUCTION<\/p>\n<p>The yacht has been built with a combination of sandwich and single skin GRP laminate using matt, unidirectional\/biaxial E-glass\/carbon fibres and closed cell sandwich foam cores, in accordance with structural drawings approved by the Classification Rules.<br \/>\nCoque et Structure<\/p>\n<p>G\u00c9N\u00c9RAL DE LA COQUE<\/p>\n<p>La forme de la coque est con\u00e7ue sur la base de l&rsquo;exp\u00e9rience acquise avec de pr\u00e9c\u00e9dents yachts similaires, en tenant compte des caract\u00e9ristiques de r\u00e9sistance, de tenue en mer et de maniabilit\u00e9.<\/p>\n<p>La conception et l&rsquo;\u00e9valuation structurelles sont d\u00e9sign\u00e9es en fonction de l&rsquo;exp\u00e9rience la plus r\u00e9cente acquise par le constructeur en mati\u00e8re de conception et de construction de GRP pour ce type de yacht et selon les r\u00e8gles de classification RINA. La coque est divis\u00e9e en 3 compartiments \u00e9tanches, par la cloison \u00e9tanche d&rsquo;abordage sur le coqueron avant et par la cloison \u00e9tanche de la salle des machines, conform\u00e9ment aux r\u00e8gles de classification. La cloison \u00e9tanche d\u2019abordage est positionn\u00e9e conform\u00e9ment aux R\u00e8gles de Classification. Un espace de coffre \u00e0 cha\u00eene pouvant contenir \u00e0 la fois les c\u00e2bles de cha\u00eene b\u00e2bord et tribord est pr\u00e9vu \u00e0 l&rsquo;avant de la cloison \u00e9tanche d&rsquo;abordage.<\/p>\n<p>MAT\u00c9RIAUX ET CONSTRUCTION DE COQUE ET DE PLANCHER<\/p>\n<p>Le yacht a \u00e9t\u00e9 construit avec une combinaison de stratifi\u00e9 GRP sandwich et simple peau utilisant des fibres de verre E\/carbone mates, unidirectionnelles\/biaxiales et des noyaux de mousse \u00e0 cellules ferm\u00e9es pour sandwich, conform\u00e9ment aux dessins structurels approuv\u00e9s par les r\u00e8gles de classification.<br \/>\nHull and Structure<\/p>\n<p>HULL GENERAL<\/p>\n<p>The hull form is designed based on the experience gained with previous similar yachts, taking into account the strength, seakeeping and handling characteristics.<\/p>\n<p>The structural design and assessment are designated according to the most recent experience gained by the builder in designing and building GRP for this type of yacht and according to the RINA classification rules. The hull is divided into 3 watertight compartments, by the watertight collision bulkhead on the forepeak and by the watertight bulkhead in the engine room, in accordance with the classification rules. The watertight collision bulkhead is positioned in accordance with the Classification Rules. A chain locker space capable of holding both the port and starboard chain cables is provided forward of the watertight collision bulkhead.<\/p>\n<p>HULL AND FLOOR MATERIALS AND CONSTRUCTION<\/p>\n<p>The yacht has been built with a combination of sandwich and single skin GRP laminate using matt, unidirectional\/biaxial E-glass\/carbon fibres and closed cell sandwich foam cores, in accordance with structural drawings approved by the Classification Rules.<\/p>\n<p>La structure est constitu\u00e9e d&rsquo;\u00e9l\u00e9ments structurels longitudinaux principaux et transversaux secondaires, utilisant des fibres de carbone sur des zones sp\u00e9cifiques.<\/p>\n<p>HARD TOP<\/p>\n<p>Le hardtop et les supports lat\u00e9raux sont constitu\u00e9s d&rsquo;une structure composite et soutenus \u00e9galement par des piliers aux extr\u00e9mit\u00e9s avant et arri\u00e8re. Le hardtop comprend\u00a0:<\/p>\n<p>M\u00e2t peint en structure en alliage d&rsquo;aluminium soud\u00e9 avec radars, paratonnerre, feux de navigation et capteurs<br \/>\n\u00c9quipement de navigation et de communication<\/p>\n<p>PEINTURE ET FINITION<\/p>\n<p>Tous les produits utilis\u00e9s pour la peinture SONT des finitions standard adapt\u00e9es \u00e0 ce type de yacht. Le yacht a \u00e9t\u00e9 livr\u00e9 avec un rev\u00eatement marin de qualit\u00e9 sup\u00e9rieure, reconnu par l&rsquo;industrie.<\/p>\n<p>FINITION EXT\u00c9RIEURE<\/p>\n<p>La qualit\u00e9 de finition des pi\u00e8ces en gelcoat poli est d\u00e9finie par les normes de qualit\u00e9 du constructeur et les proc\u00e9dures de contr\u00f4le. La finition est en gelcoat blanc, \u00e0 l&rsquo;exception de la ligne de beaut\u00e9 et des autres pi\u00e8ces conform\u00e9ment au plan de couleurs.<\/p>\n<p>Les surfaces ext\u00e9rieures du yacht sont finies selon les diff\u00e9rentes zones ; chaque zone est caract\u00e9ris\u00e9e par ses propres niveaux de qualit\u00e9 et contr\u00f4les. En g\u00e9n\u00e9ral, les crit\u00e8res d&rsquo;acceptation porteront sur l&rsquo;\u00e9quit\u00e9, les fissures, la brillance, la peau d&rsquo;orange. Les zones antid\u00e9rapantes seront conformes au plan correspondant. et une peinture antifouling est appliqu\u00e9e sur la partie immerg\u00e9e de la coque.<\/p>\n<p>GARAGES ARRI\u00c8RE ET AVANT<\/p>\n<p>Le garage arri\u00e8re est fini en gelcoat, \u00e0 l&rsquo;exception du plafond o\u00f9 du bois a \u00e9t\u00e9 install\u00e9. Les murs et les plafonds du garage avant sont finis en gelcoat.<\/p>\n<p>ESPACE PROPULSEUR D&rsquo;\u00c9TRAVE<\/p>\n<p>L&rsquo;espace propulseur d&rsquo;\u00e9trave est ferm\u00e9 par un panneau m\u00e9tallique boulonn\u00e9<\/p>\n<p>SALLE DES MACHINES<\/p>\n<p>Les murs de la salle des machines sont recouverts d&rsquo;une plaque sandwich aluminium\/caoutchouc et le plafond d&rsquo;une t\u00f4le Di Bond ou similaire. Les panneaux sont de finition blanche lisse, faciles \u00e0 nettoyer et pr\u00e9sentent une surface dure et r\u00e9sistante \u00e0 l&rsquo;abrasion \u00e0 l&rsquo;int\u00e9rieur des locaux machines.<\/p>\n<p>Des mains courantes AISI 304 sont install\u00e9es autour des moteurs et le long des escaliers ou l\u00e0 o\u00f9 cela est jug\u00e9 n\u00e9cessaire pour des raisons de s\u00e9curit\u00e9. Les mains courantes sont d\u00e9montables.<\/p>\n<p>SALLE DE CONTR\u00d4LE DES MOTEURS<\/p>\n<p>La salle de contr\u00f4le est situ\u00e9e \u00e0 l&rsquo;arri\u00e8re de la salle des machines. Une porte \u00e0 charni\u00e8re \u00e9tanche donne acc\u00e8s \u00e0 la salle des machines. Le sol est en t\u00f4le d&rsquo;aluminium. La salle est bien \u00e9clair\u00e9e et \u00e9quip\u00e9e de la climatisation.<\/p>\n<p>PROTECTION CATHODIQUE<\/p>\n<p>Anodes d\u00e9di\u00e9es pour la coque, les arbres, les h\u00e9lices, les gouvernails, les propulseurs et les ailerons stabilisateurs.<\/p>\n<p>GRILLES DE COQUE<\/p>\n<p>Les principales prises d&rsquo;eau de mer sont \u00e9quip\u00e9es de grilles fixes.<br \/>\nEnvoyer des commentaires<br \/>\nPanneaux lat\u00e9raux<br \/>\nHistorique<br \/>\nEnregistr\u00e9es<\/p>\n<p>Machines principales<\/p>\n<p>TRANSMISSIONS<\/p>\n<p>La transmission est en ligne avec chaque arbre \u00e0 vis directement reli\u00e9 \u00e0 la bride de sortie de la bo\u00eete de vitesses. Le moteur principal est directement coupl\u00e9 \u00e0 la bo\u00eete de vitesses\u00a0; l&rsquo;ensemble de propulsion (moteur principal et bo\u00eete de vitesses) est soutenu \u00e9lastiquement par des supports r\u00e9silients.<\/p>\n<p>MOTEURS PRINCIPAUX<\/p>\n<p>Deux moteurs diesel \u00e0 quatre temps adapt\u00e9s \u00e0 la propulsion marine sont install\u00e9s sur des fondations dans la salle des machines, un de chaque c\u00f4t\u00e9\u00a0:<br \/>\nFabricant\u00a0: MTU<br \/>\nMod\u00e8le\u00a0: 16v 2000 M96L<br \/>\nPuissance nominale (chacun)\u00a0: 2\u00a0638 mhp \/ 1\u00a0939 kW \u00e0 2\u00a0450 tr\/min<br \/>\nLa puissance nominale est conforme au profil de fonctionnement du fabricant 1DS (puissance moyenne\u00a0: moins de 60\u00a0% de la puissance nominale \/ utilisation annuelle\u00a0: jusqu&rsquo;\u00e0 1\u00a0000 heures). Les \u00e9missions d&rsquo;\u00e9chappement seront conformes aux r\u00e9glementations IMO II \/ EPA TIER 3.<\/p>\n<p>BO\u00ceTES DE VITESSES<\/p>\n<p>Chaque moteur est \u00e9quip\u00e9 d&rsquo;un r\u00e9ducteur ZF 3070A. Le rapport de r\u00e9duction d\u00e9termin\u00e9 en fonction de la conception de l&rsquo;h\u00e9lice et de l&rsquo;ensemble de propulsion est de 2,750:1.<\/p>\n<p>LIGNES D&rsquo;ARBRE, ROULEMENTS ET JOINTS<\/p>\n<p>Des roulements lubrifi\u00e9s \u00e0 l&rsquo;eau de mer sont install\u00e9s pour chaque ligne d&rsquo;arbre de propulsion. Le mat\u00e9riau de l&rsquo;arbre est en Marinox17.<\/p>\n<p>Les joints m\u00e9caniques sont mont\u00e9s \u00e0 l&rsquo;int\u00e9rieur de la coque, ils sont refroidis par le syst\u00e8me d&rsquo;eau de mer.<\/p>\n<p>C\u00f4t\u00e9 h\u00e9lice, chaque arbre est soutenu par une seule entretoise con\u00e7ue sur mesure, construite en NiBrAl et con\u00e7ue selon les r\u00e8gles de classification. Le support est compl\u00e9t\u00e9 par un bossage en tube de forte \u00e9paisseur. Un palier en caoutchouc hydrolubrifi\u00e9 est mont\u00e9 dans le bossage.<\/p>\n<p>H\u00c9LICES<\/p>\n<p>Deux h\u00e9lices inclin\u00e9es, 5 pales, d&rsquo;un diam\u00e8tre d&rsquo;environ 1250 mm, con\u00e7ues pour obtenir un rendement \u00e9lev\u00e9 et un faible bruit seront fournies. Elles sont fabriqu\u00e9es en nickel-aluminium-bronze (NiBrAl). Chaque h\u00e9lice est \u00e9quilibr\u00e9e statiquement et dynamiquement. Les tol\u00e9rances de fabrication seront conformes \u00e0 la norme ISO 484\/2 CLASSE S.<\/p>\n<p>GOUVERNAILS<\/p>\n<p>Deux gouvernails \u00e0 b\u00eache avec commande de direction par c\u00e2ble sont install\u00e9s. La taille de la pale est d\u00e9termin\u00e9e pour assurer de bonnes capacit\u00e9s de man\u0153uvre ; le gouvernail est correctement d\u00e9cal\u00e9 transversalement par rapport \u00e0 l&rsquo;axe de la ligne d&rsquo;arbre afin de retirer l&rsquo;arbre \u00e0 vis sans d\u00e9monter la pale. Le mat\u00e9riau de construction des gouvernails est AISI 316L. Les trous de gouvernail sont en acier inoxydable, la m\u00e8che du gouvernail est en Marinox17.<\/p>\n<p>DIRECTION<\/p>\n<p>Le syst\u00e8me de direction est de type \u00e9lectrohydraulique. Un volant \u00e0 commande par c\u00e2ble est install\u00e9 dans la timonerie et sur le poste de barre Fly. Sur le tableau de bord, un panneau de commande affiche les principales informations (mode, \u00e9tat d&rsquo;alarme, angle de gouvernail) du syst\u00e8me de direction. Le syst\u00e8me hydraulique est compos\u00e9 d&rsquo;un groupe motopropulseur (r\u00e9servoir d&rsquo;huile avec une pompe 400V\/50Hz\/3ph) et de 2 v\u00e9rins hydrauliques (un pour chaque gouvernail).<\/p>\n<p>PROPULSEUR D&rsquo;\u00c9TRAVE<\/p>\n<p>Un propulseur d&rsquo;\u00e9trave entra\u00een\u00e9 par un moteur hydraulique de 58 CV est install\u00e9 dans un espace d\u00e9di\u00e9. L&rsquo;installation est ex\u00e9cut\u00e9e strictement selon les instructions et les sp\u00e9cifications du fabricant. Des joysticks de commande sont install\u00e9s sur les postes de barre principaux et de pilotage.<\/p>\n<p>AILERONS DE STABILISATION<br \/>\nEnvoyer des commentaires<br \/>\nPanneaux lat\u00e9raux<br \/>\nHistorique<br \/>\nEnregistr\u00e9es<\/p>\n<p>STABILISATEURS<\/p>\n<p>Deux ailerons \u00e9lectrohydrauliques stabilisateurs fonctionnant en navigation et \u00e0 vitesse nulle ont \u00e9t\u00e9 install\u00e9s. La commande des ailerons est int\u00e9gr\u00e9e au tableau de bord principal avec un panneau de commande suppl\u00e9mentaire de secours dans la timonerie.<\/p>\n<p>INTERCEPTEURS<\/p>\n<p>Deux unit\u00e9s, une pour chaque c\u00f4t\u00e9, sont install\u00e9es sur le bord du tableau arri\u00e8re, actionn\u00e9es par des servo-unit\u00e9s reli\u00e9es aux unit\u00e9s de commande. Le syst\u00e8me est g\u00e9r\u00e9 par le syst\u00e8me de surveillance dans la timonerie.<\/p>\n<p>GROUPES \u00c9LECTROG\u00c8NES \u00c9LECTRIQUES<\/p>\n<p>Deux groupes \u00e9lectrog\u00e8nes diesel avec les caract\u00e9ristiques suivantes sont install\u00e9s dans la salle des machines\u00a0:<br \/>\n\u2022 Fabricant Kohler<br \/>\n\u2022 Puissance nominale\u00a0: 44\u00a0kW<br \/>\n\u2022 Tension\/fr\u00e9quence nominale et phases\u00a0: 400\u00a0Vac\/50\u00a0Hz \u2013 triphas\u00e9<br \/>\n\u2022 RPM 1\u00a0500<br \/>\n\u2022 Classe d&rsquo;isolation\u00a0: H<br \/>\n\u2022 R\u00e9gulation de tension\u00a0: \u00b1\u00a00,5\u00a0%<br \/>\n\u2022 R\u00e9gulation de fr\u00e9quence\u00a0: \u00b1\u00a00,5\u00a0%<br \/>\n\u2022 Syst\u00e8me de d\u00e9marrage\u00a0: 24\u00a0Vdc<\/p>\n<p>Chaque groupe \u00e9lectrog\u00e8ne diesel est \u00e9quip\u00e9 d&rsquo;un arr\u00eat automatique pour les alarmes suivantes\u00a0:<br \/>\n\u2022 Faible pression d&rsquo;huile<br \/>\n\u2022 Temp\u00e9rature \u00e9lev\u00e9e de l&rsquo;eau<br \/>\n\u2022 Survitesse<\/p>\n<p>Chaque groupe \u00e9lectrog\u00e8ne diesel est \u00e9quip\u00e9 de\u00a0:<br \/>\n\u2022 Enceinte insonoris\u00e9e et peinture blanche RAL selon la norme du fabricant<br \/>\n\u2022 Syst\u00e8me de support r\u00e9silient<br \/>\n\u2022 Syst\u00e8me de circulation et de refroidissement d&rsquo;eau douce int\u00e9gr\u00e9 avec \u00e9changeur de chaleur<br \/>\n\u2022 Refroidisseur d&rsquo;huile<br \/>\n\u2022 R\u00e9gulateurs de vitesse \u00e9lectroniques<br \/>\n\u2022 Panneau de commande install\u00e9 \u00e0 l&rsquo;ext\u00e9rieur de la caisse de r\u00e9sonance \u00e9quip\u00e9 de\u00a0:<br \/>\n\u2013 Boutons poussoirs de d\u00e9marrage\/arr\u00eat<br \/>\n\u2013 Volts, amp\u00e8res et heure compteurs<\/p>\n<p>Le syst\u00e8me d&rsquo;\u00e9chappement des gaz est de type humide, avec un s\u00e9parateur gaz\/eau et une sortie install\u00e9s sur la coque lat\u00e9rale au niveau de la ligne de flottaison ; les tuyaux vers le s\u00e9parateur gaz\/eau et entre le s\u00e9parateur gaz\/eau et le moteur hors-bord sont en CuNi. L&rsquo;installation des groupes \u00e9lectrog\u00e8nes est effectu\u00e9e strictement selon les instructions et les sp\u00e9cifications du fabricant.<\/p>\n<p>Syst\u00e8mes<\/p>\n<p>SYST\u00c8ME DE CALE ET DE LUTTE CONTRE L&rsquo;INCENDIE<\/p>\n<p>Chaque compartiment \u00e9tanche est dot\u00e9 d&rsquo;une aspiration de cale s\u00e9par\u00e9e, avec clapet de pied, reli\u00e9e par le collecteur de cale principal \u00e0 la pompe de cale.<br \/>\nL&rsquo;eau de la cale est \u00e9vacu\u00e9e par-dessus bord par un raccord par-dessus bord situ\u00e9 dans la salle des machines. Les pompes de refroidissement des moteurs principaux peuvent \u00eatre utilis\u00e9es pour aspirer l&rsquo;eau de la cale de la salle des machines en cas d&rsquo;urgence.<br \/>\nDeuxi\u00e8me aspiration de cale sur chaque compartiment \u00e9tanche, avec clapet de pied, reli\u00e9e par le collecteur de cale de secours, \u00e0 la pompe de cale\/incendie de secours et \u00e9vacuant par-dessus bord par une vanne \u00e0 trois voies. Le collecteur de cale de secours a \u00e9t\u00e9 install\u00e9 hors de la salle des machines. Lorsque le drainage n&rsquo;est pas n\u00e9cessaire, les dispositions peuvent \u00eatre omises \u00e0 condition que la s\u00e9curit\u00e9 du yacht ne soit pas compromise.<br \/>\nLe puits \u00e0 cha\u00eene est auto-videur, en plus une aspiration de cale reli\u00e9e \u00e0 une pompe \u00e0 main d\u00e9di\u00e9e a \u00e9t\u00e9 install\u00e9e. Un syst\u00e8me d&rsquo;alarme de cale, reli\u00e9 au syst\u00e8me d&rsquo;alarme et de surveillance, a \u00e9galement \u00e9t\u00e9 install\u00e9 dans tous les compartiments desservis par le syst\u00e8me de cale. Les pompes de cale peuvent \u00eatre d\u00e9marr\u00e9es et arr\u00eat\u00e9es depuis le panneau de commande.<br \/>\nLes conduites de cale sont dot\u00e9es de tuyaux flexibles r\u00e9sistants au feu (ISO 7840) \u00e0 l&rsquo;int\u00e9rieur des locaux de machines et de tuyaux r\u00e9sistants au feu (ISO-13363) \u00e0 l&rsquo;ext\u00e9rieur des locaux de machines ; les collecteurs sont en acier inoxydable AISI 316.<\/p>\n<p>SYST\u00c8ME DE LUTTE CONTRE L&rsquo;INCENDIE<\/p>\n<p>Ce syst\u00e8me poss\u00e8de sa propre pompe dans la salle des machines et est connect\u00e9 au syst\u00e8me de cale de telle mani\u00e8re que les pompes de cale et de lutte contre l&rsquo;incendie puissent servir de pompes de cale et vice-versa.<br \/>\nDes vannes d&rsquo;incendie, avec tuyaux d&rsquo;incendie et buses, sont install\u00e9es dans les positions suivantes :<br \/>\n\u2022 n\u00b01 sur le pont soleil<br \/>\n\u2022 n\u00b02 sur le pont principal<br \/>\n\u2022 n\u00b04 sur le pont inf\u00e9rieur<\/p>\n<p>\u00c9quip\u00e9 de tuyaux d&rsquo;incendie d&rsquo;une longueur maximale de 18 m et de buses d&rsquo;un diam\u00e8tre de 12 mm de type \u00e0 double usage (c&rsquo;est-\u00e0-dire de type pulv\u00e9risation\/jet).<br \/>\nLe syst\u00e8me de lavage de la cha\u00eene est constitu\u00e9 de deux buses install\u00e9es sur chaque \u00e9cubier, reli\u00e9es \u00e0 la tuyauterie anti-incendie. Le dispositif de lavage est activ\u00e9 depuis la timonerie ou localement par une vanne temporis\u00e9e \u00e0 commande \u00e0 distance.<br \/>\nLe mat\u00e9riau des conduites anti-incendie est flexible et r\u00e9sistant au feu selon la norme ISO 15540\/1 \u00e0 l&rsquo;int\u00e9rieur de l&rsquo;ER ou ISO 7840 \u00e0 l&rsquo;ext\u00e9rieur de l&rsquo;ER.<\/p>\n<p>POMPE DE CALE<\/p>\n<p>Une pompe centrifuge auto-amor\u00e7ante \u00e9lectrique 400Vac\/50Hz\/3ph dans la salle des machines pour le syst\u00e8me de cale principal avec bac de r\u00e9cup\u00e9ration. La pompe peut \u00eatre by-pass\u00e9e avec la pompe \u00e9lectrique d&rsquo;incendie.<\/p>\n<p>POMPE DE LUTTE CONTRE L&rsquo;INCENDIE<\/p>\n<p>Une pompe centrifuge auto-amor\u00e7ante \u00e9lectrique 400Vac\/50Hz\/ dans la salle des machines pour le syst\u00e8me d&rsquo;extinction d&rsquo;incendie avec bac de r\u00e9cup\u00e9ration. La pompe peut \u00eatre by-pass\u00e9e avec la pompe \u00e9lectrique d&rsquo;incendie.<\/p>\n<p>POMPE DIESEL DE SECOURS<\/p>\n<p>Une pompe diesel avec un d\u00e9bit de max. 550 l\/min et une hauteur manom\u00e9trique de max. 40 m H2O est install\u00e9e dans la salle de contr\u00f4le.<\/p>\n<p>SYST\u00c8ME DE CARBURANT<\/p>\n<p>Un r\u00e9servoir de stockage de carburant structurel et un r\u00e9servoir journalier structurel sont install\u00e9s dans le fond de la coque selon le plan de capacit\u00e9 des r\u00e9servoirs. Des conduites sont install\u00e9es dans la salle des machines pour transf\u00e9rer le carburant de chaque r\u00e9servoir \u00e0 l&rsquo;autre par deux pompes \u00e9lectroniques. Les vannes sont \u00e0 commande manuelle.<br \/>\nStations de remplissage situ\u00e9es sur les c\u00f4t\u00e9s du pont principal, une \u00e0 b\u00e2bord et une \u00e0 tribord, et une capable de fournir le carburant au r\u00e9servoir de soute. Les vannes sont \u00e0 commande manuelle.<br \/>\nMat\u00e9riau de tuyauterie flexible r\u00e9sistant au feu selon la norme ISO 15540\/1 \u00e0 l&rsquo;int\u00e9rieur de l&rsquo;ER ou ISO 7840 \u00e0 l&rsquo;ext\u00e9rieur de l&rsquo;ER. Les raccordements aux moteurs principaux et aux groupes \u00e9lectrog\u00e8nes sont r\u00e9alis\u00e9s avec des tuyaux flexibles en caoutchouc synth\u00e9tique r\u00e9sistant \u00e0 l&rsquo;huile.<\/p>\n<p>POMPE DE TRANSFERT DE CARBURANT<\/p>\n<p>Le syst\u00e8me de transfert permet de transf\u00e9rer l&rsquo;eau d&rsquo;un r\u00e9servoir \u00e0 l&rsquo;autre au moyen d&rsquo;une pompe 24Vdc et d&rsquo;une deuxi\u00e8me pompe 400V\/50Hz\/3ph, toutes deux \u00e9quip\u00e9es d&rsquo;un bac de r\u00e9cup\u00e9ration. Les commandes des pompes sont situ\u00e9es sur le panneau \u00e9lectrique principal dans la salle de contr\u00f4le des moteurs et surveill\u00e9es dans le tableau de bord principal dans la timonerie. Les deux g\u00e9n\u00e9rateurs seront aliment\u00e9s par une pompe de surpression \u00e9lectrique chacun.<\/p>\n<p>FILTRES DE CARBURANT<\/p>\n<p>Filtres pour les moteurs principaux (type duplex) et les g\u00e9n\u00e9rateurs diesel (simple).<\/p>\n<p>CIRCUIT D&rsquo;EAU DOUCE<\/p>\n<p>Un r\u00e9servoir d&rsquo;eau douce sur le fond de la coque dans la zone avant selon le plan de capacit\u00e9 des r\u00e9servoirs. Des lignes d&rsquo;eau froide et chaude sont pr\u00e9vues pour alimenter les diff\u00e9rents utilisateurs. L&rsquo;eau chaude est produite par deux chaudi\u00e8res \u00e9lectriques 220V\/50Hz de 100 litres de capacit\u00e9 de chauffage de 1,5kW chacune et distribu\u00e9e \u00e0 bord par un anneau, une pompe de circulation maintient la temp\u00e9rature constante.<br \/>\nRaccords de douche de lavage int\u00e9gr\u00e9s au syst\u00e8me d&rsquo;eau douce<br \/>\nAlimentation en eau pour les essuie-glaces mont\u00e9s dans la timonerie<br \/>\nLes conduites d&rsquo;eau chaude sont isol\u00e9es.<br \/>\nConduites de remplissage sur le pont principal arri\u00e8re des deux c\u00f4t\u00e9s.<\/p>\n<p>EAU DOUCE<\/p>\n<p>Un (1) dessalinisateur \u00e0 osmose inverse de type unique avec une capacit\u00e9 totale de 180 l\/h et une temp\u00e9rature d&rsquo;eau d&rsquo;alimentation de 25 \u00b0C. La production de l&rsquo;eau de mer est d\u00e9livr\u00e9e directement dans le r\u00e9servoir, l&rsquo;unit\u00e9 est plac\u00e9e dans les locaux techniques arri\u00e8re, pr\u00e9-mont\u00e9e sur un ch\u00e2ssis et compl\u00e9t\u00e9e par des pr\u00e9filtres, un rin\u00e7age \u00e0 l&rsquo;eau douce et un panneau de commande local.<\/p>\n<p>POMPE \u00c0 EAU DOUCE<\/p>\n<p>Un syst\u00e8me de pression d&rsquo;eau r\u00e9alis\u00e9 par deux pompes \u00e9lectriques aliment\u00e9es en 400 Vac\/50 Hz\/3 ph dans la zone technique arri\u00e8re.<\/p>\n<p>SYST\u00c8ME D&rsquo;\u00c9GOUT<\/p>\n<p>Un r\u00e9servoir structurel d&rsquo;eaux noires et un r\u00e9servoir d&rsquo;eaux grises install\u00e9s selon le plan de capacit\u00e9 des r\u00e9servoirs ; chaque syst\u00e8me avec tuyauterie d\u00e9di\u00e9e. Deux pompes de transfert auto-amor\u00e7antes, une pour chaque syst\u00e8me, aspirent \u00e0 partir de deux collecteurs et permettent le d\u00e9chargement via deux connexions \u00e0 la mer s\u00e9par\u00e9es. D\u00e9charge au moyen d&rsquo;une bride Marpol plac\u00e9e.<br \/>\nWC reli\u00e9s au syst\u00e8me d&rsquo;eau douce pour le rin\u00e7age ; les eaux sont d\u00e9livr\u00e9es au r\u00e9servoir par leur propre pompe. Le rejet par-dessus bord des eaux us\u00e9es non trait\u00e9es doit \u00eatre effectu\u00e9 conform\u00e9ment aux r\u00e9glementations internationales applicables.<br \/>\nLe syst\u00e8me d&rsquo;eaux grises est con\u00e7u pour que les \u00e9viers, les baignoires et les douches s&rsquo;\u00e9coulent par gravit\u00e9 \u00e0 travers des r\u00e9servoirs de collecte conventionnels \u00e9quip\u00e9s d&rsquo;une pompe automatique et connect\u00e9s au r\u00e9servoir. Les machines \u00e0 laver et les lave-vaisselle se vident directement dans le r\u00e9servoir d&rsquo;eaux grises. Les utilisateurs de la cuisine se vident directement dans le r\u00e9servoir par gravit\u00e9. Une vanne \u00e0 trois voies, correctement \u00e9tiquet\u00e9e, dans un endroit accessible pour l&rsquo;\u00e9vacuation hors-bord.<br \/>\nMat\u00e9riau de tuyauterie compos\u00e9 de tuyaux en caoutchouc flexibles et \u00e0 paroi dure avec h\u00e9lice m\u00e9tallique pour les syst\u00e8mes d&rsquo;eaux noires et d&rsquo;eaux grises.<\/p>\n<p>POMPES \u00c0 EAUX NOIRES ET GRISES<\/p>\n<p>Une pompe \u00e9lectrique \u00e0 eaux noires et une pompe \u00e9lectrique \u00e0 eaux grises 400 Vac\/50 Hz\/3 ph dans le local technique arri\u00e8re.<\/p>\n<p>SYST\u00c8ME D&rsquo;EXTINCTION D&rsquo;INCENDIE<\/p>\n<p>SYST\u00c8ME D&rsquo;EXTINCTION DE LA SALLE DES MACHINES<\/p>\n<p>Un syst\u00e8me fixe de lutte contre l&rsquo;incendie au gaz hors de la salle des machines. Une alarme sonore et visuelle fonctionnant automatiquement lorsque l&rsquo;alarme incendie est activ\u00e9e.<\/p>\n<p>SYST\u00c8ME D&rsquo;EXTINCTION DU GARAGE<\/p>\n<p>Le garage arri\u00e8re est \u00e9quip\u00e9 d&rsquo;un syst\u00e8me de gicleurs anti-incendie aliment\u00e9 par l&rsquo;eau de mer.<\/p>\n<p>SYST\u00c8ME D&rsquo;AIR COMPRIM\u00c9<\/p>\n<p>Un compresseur \u00e9lectrique d&rsquo;une puissance d&rsquo;environ 1,5 kW dans la salle des machines, capable de fournir de l&rsquo;air \u00e0 7 bars maximum, ainsi qu&rsquo;un r\u00e9servoir d&rsquo;environ 24 litres. Le syst\u00e8me fournit de l&rsquo;air comprim\u00e9 au klaxon en standard et, via un r\u00e9ducteur de pression, aux connexions dans la salle des machines, le pont arri\u00e8re, la zone de plage et le pont avant.<\/p>\n<p>DALOUSES ET SYST\u00c8ME DE DRAINAGE<\/p>\n<p>Les dalousies et le syst\u00e8me de drainage collectent et \u00e9vacuent \u00e0 l&rsquo;ext\u00e9rieur les eaux de lavage et de pluie des ponts ext\u00e9rieurs. Au-dessus du pont de franc-bord, les tuyaux sont en PVC (rigide) et flexibles. Sous le pont de franc-bord, les conduites de dalots sont en flexibles conformes \u00e0 la norme ISO 13363. Sur les ponts ext\u00e9rieurs, les dalots sont \u00e9quip\u00e9s de grilles amovibles en acier inoxydable. Le garage arri\u00e8re est vid\u00e9 par une pompe manuelle 24VDC connect\u00e9e par-dessus bord.<\/p>\n<p>SYST\u00c8ME DE REFROIDISSEMENT \u00c0 L&rsquo;EAU DE MER<\/p>\n<p>Utilis\u00e9 pour refroidir les moteurs principaux, les bo\u00eetes de vitesses et les gaz d&rsquo;\u00e9chappement ; il y a deux syst\u00e8mes sym\u00e9triques pouvant \u00eatre connect\u00e9s via une vanne mont\u00e9e sur le collecteur plac\u00e9 entre les deux coffres de mer (un d\u00e9di\u00e9 \u00e0 chaque c\u00f4t\u00e9) et normalement ferm\u00e9.<br \/>\nUn coffre de mer d\u00e9di\u00e9 pour alimenter le dessalinisateur.<br \/>\nChaque joint d&rsquo;arbre a un syst\u00e8me de tuyauterie de refroidissement ind\u00e9pendant et peut \u00eatre connect\u00e9 au syst\u00e8me de refroidissement du moteur des c\u00f4t\u00e9s tribord et b\u00e2bord.<br \/>\nChaque g\u00e9n\u00e9rateur refroidi par son propre syst\u00e8me d&rsquo;eau de mer.<br \/>\nMat\u00e9riau de tuyauterie pour le syst\u00e8me d&rsquo;eau de mer fabriqu\u00e9 en CuNi 90-10. Pour les lignes des moteurs principaux, des tuyaux flexibles conformes \u00e0 la norme ISO 13363 utilis\u00e9s pour les lignes de bo\u00eete de vitesses, de ligne d&rsquo;arbre et de g\u00e9n\u00e9rateurs. Les connexions aux moteurs sont r\u00e9alis\u00e9es \u00e0 l&rsquo;aide d&rsquo;un joint flexible<br \/>\nLes coffres de mer list\u00e9s ci-dessous sont install\u00e9s et \u00e0 proximit\u00e9 de chaque unit\u00e9 la tension correspondante.<\/p>\n<p>CONDUITES D&rsquo;\u00c9VENT D&rsquo;AIR<\/p>\n<p>Tous les r\u00e9servoirs structurels avec une ligne d&rsquo;\u00e9vent d&rsquo;air ad\u00e9quate.<br \/>\nLes \u00e9vents des r\u00e9servoirs de mazout sont connect\u00e9s \u00e0 une seule ligne, puis conduits par-dessus bord par un col de cygne plac\u00e9 au-dessus du pont principal. Le mat\u00e9riau est le m\u00eame que celui utilis\u00e9 pour le syst\u00e8me. Conduite d&rsquo;\u00e9vacuation d&rsquo;eau douce reli\u00e9e \u00e0 la coque par-dessus bord via un col de cygne \u00e0 placer au-dessus du pont principal.<br \/>\nConduites d&rsquo;\u00e9vacuation d&rsquo;eau noire et grise par-dessus bord via un col de cygne \u00e0 placer au-dessus du pont principal.<br \/>\nRaccords de coque<\/p>\n<p>SYST\u00c8ME HYDRAULIQUE<\/p>\n<p>Les syst\u00e8mes se composent de groupes \u00e9lectrog\u00e8nes alimentant les syst\u00e8mes suivants, l\u00e0 o\u00f9 ils sont install\u00e9s\u00a0:<\/p>\n<p>Appareil \u00e0 gouverner<br \/>\nPorte de coque arri\u00e8re et \u00e9l\u00e9vateur<br \/>\nPasserelle<br \/>\nAilerons de stabilisateurs<br \/>\nPorte de coque de garage avant<br \/>\nEnvoyer des commentaires<br \/>\nPanneaux lat\u00e9raux<br \/>\nHistorique<br \/>\nEnregistr\u00e9es<\/p>\n<p>SYST\u00c8ME D&rsquo;\u00c9CHAPPEMENT DES GAZ DES MOTEURS PRINCIPAUX<\/p>\n<p>Les gaz d&rsquo;\u00e9chappement de chaque moteur sont conduits principalement sous l&rsquo;eau et partiellement au-dessus de la ligne de flottaison \u00e0 travers un conduit en PRV install\u00e9 dans chaque flotteur lat\u00e9ral de la coque.<br \/>\nCompensateurs m\u00e9talliques aux sorties des gaz des moteurs. Avant d&rsquo;entrer dans le conduit en PRV sur le c\u00f4t\u00e9, les gaz sont refroidis par l&rsquo;eau de mer provenant du syst\u00e8me de refroidissement du moteur.<br \/>\nLes tuyaux principaux secs sont en acier inoxydable AISI 304 et AISI 316L pour les parties mouill\u00e9es. Tuyaux d&rsquo;eau de mer dans des tuyaux flexibles conformes \u00e0 la norme ISO 13363.<\/p>\n<p>SYST\u00c8ME DE CLIMATISATION<\/p>\n<p>Con\u00e7u et construit de mani\u00e8re \u00e0 garantir le confort dans les conditions m\u00e9t\u00e9orologiques. Espaces de vie int\u00e9rieurs tels que cabines, salons, timonerie desservis par le syst\u00e8me de climatisation. Fran\u00e7aisLe syst\u00e8me de ventilation du yacht est bas\u00e9 sur les principes suivants :<\/p>\n<p>Espaces de vie, cuisine et timonerie<br \/>\nCuisine et salles de bain avec extraction d&rsquo;air m\u00e9canique<br \/>\nEspaces techniques arri\u00e8re et garage arri\u00e8re ventil\u00e9s m\u00e9caniquement par des unit\u00e9s d&rsquo;extraction et d&rsquo;entr\u00e9e naturelle<br \/>\nSalle des machines ventil\u00e9e m\u00e9caniquement<br \/>\nClimatisation et chauffage r\u00e9alis\u00e9s par des ventilo-convecteurs.<\/p>\n<p>Am\u00e9nagements<br \/>\nMAT\u00c9RIEL D&rsquo;ANCRAGE ET D&rsquo;AMARRAGE<\/p>\n<p>Deux ancres de type High Holding Power en acier galvanis\u00e9 dans des goussets d&rsquo;ancrage en acier inoxydable. Chaque unit\u00e9 p\u00e8sera environ 140 kg reli\u00e9es \u00e0 la coque par une cha\u00eene de 16 mm de diam\u00e8tre en acier galvanis\u00e9, avec maillon \u00e0 goujon et d&rsquo;une longueur de 165 m chacune.<\/p>\n<p>BOLLARDS D&rsquo;AMARRAGE<\/p>\n<p>Bollards en acier inoxydable AISI 316L poli comme suit :<br \/>\n\u2022 n. 4 sur la zone de man\u0153uvre avant mont\u00e9e sur le pont (2 de chaque c\u00f4t\u00e9)<br \/>\n\u2022 n. 4 sur les zones d&rsquo;amarrage sur\u00e9lev\u00e9es arri\u00e8re dans le cockpit du pont principal (2 de chaque c\u00f4t\u00e9)<br \/>\n\u2022 n. 4 chaumards int\u00e9gr\u00e9s dans les chaumards, mont\u00e9s sur le pavois lat\u00e9ral du pont principal (2 de chaque c\u00f4t\u00e9)<br \/>\n\u2022 n. 2 sur la plate-forme arri\u00e8re (1 de chaque c\u00f4t\u00e9)<\/p>\n<p>CHAUMARDS<\/p>\n<p>Des chaumards en acier inoxydable poli AISI 316L seront mont\u00e9s dans le pavois comme suit :<br \/>\n\u2022 n. 2 sur la zone de man\u0153uvre avant, \u00e9quip\u00e9s de 3 rouleaux verticaux chacun (1 de chaque c\u00f4t\u00e9)<br \/>\n\u2022 n. 4 avec crochets int\u00e9gr\u00e9s, mont\u00e9s sur le pavois lat\u00e9ral (2 de chaque c\u00f4t\u00e9)<br \/>\n\u2022 n. 2 sur le pavois arri\u00e8re au droit de la zone d&rsquo;amarrage sur\u00e9lev\u00e9e \u00e9quip\u00e9s de 3 rouleaux verticaux chacun (1 de chaque c\u00f4t\u00e9)<\/p>\n<p>GUINDEAUX<\/p>\n<p>Deux guindeaux \u00e9lectriques de type vertical (5,5 kW, 400 VAC\/50 Hz\/3 ph), double rotation sur le pont avant, boulonn\u00e9s au pont et contr\u00f4l\u00e9s localement au moyen d&rsquo;un contr\u00f4leur. Chaque guindeau est \u00e9quip\u00e9 d&rsquo;un barbotin en acier inoxydable, d&rsquo;un tambour en acier inoxydable et mont\u00e9 \u00e0 proximit\u00e9 d&rsquo;un rouleau de cha\u00eene mont\u00e9 au-dessus de chaque \u00e9cubier. Une plaque en acier inoxydable poli sous les guindeaux prot\u00e8ge le gelcoat et facilite l&rsquo;\u00e9limination des salet\u00e9s.<\/p>\n<p>CABESTANS<\/p>\n<p>Deux cabestans verticaux \u00e0 commande \u00e9lectrique \u00e0 p\u00e9dale (2,2 kW, 400 VCA\/50 Hz\/3 ph) sur la zone d&rsquo;amarrage sur\u00e9lev\u00e9e construite de chaque c\u00f4t\u00e9 du cockpit du pont principal. Chaque unit\u00e9 est assur\u00e9e par une double rotation \u00e0 une seule vitesse.<\/p>\n<p>D\u00c9FENSES ET FOUETS<\/p>\n<p>8 d\u00e9fenses cylindriques et 6 d\u00e9fenses sph\u00e9riques avec couvercles compl\u00e9t\u00e9es par 3 m de ligne d&rsquo;amarrage<br \/>\n3 gaffes (2 x 4,0 m + 1 x 3,0 m)<br \/>\nUn jeu (en option) de fouets d&rsquo;amarrage (2 unit\u00e9s) pour l&rsquo;annexe<\/p>\n<p>CORDES D&rsquo;AMARRAGE<\/p>\n<p>Un total de 130 m de c\u00e2bles d&rsquo;amarrage noirs \u00d826 mm.<\/p>\n<p>PASSERELLE<\/p>\n<p>Une passerelle \u00e9lectrohydraulique r\u00e9tractable avec cadre en acier poli, planches en teck pos\u00e9es et une main courante amovible manuellement sur le c\u00f4t\u00e9 arri\u00e8re b\u00e2bord du yacht. La largeur de marche de la plus petite partie est d&rsquo;environ 500 mm et la port\u00e9e depuis l&rsquo;extr\u00e9mit\u00e9 arri\u00e8re de la coque d&rsquo;environ 1800 mm. L&rsquo;angle vertical sera de +\/- 10 degr\u00e9s. La passerelle est \u00e9quip\u00e9e de lumi\u00e8res de courtoisie. La charge de travail de s\u00e9curit\u00e9 de cette passerelle est de 150 kg. Le panneau de commande sera proche de l&rsquo;entr\u00e9e du cockpit avec des boutons de type pr\u00e9sence humaine. Un r\u00e9cepteur est install\u00e9 pour la t\u00e9l\u00e9commande.<\/p>\n<p>\u00c9CHELLE DE BAIN<\/p>\n<p>Portable en acier inoxydable poli \u00e9chelle de bain pliable, avec marches en teck install\u00e9es manuellement \u00e0 l&rsquo;aide de deux prises mont\u00e9es dans la plate-forme arri\u00e8re au moyen de brides en acier inoxydable poli.<\/p>\n<p>GARAGE ARRI\u00c8RE ET ANNEXE<\/p>\n<p>Pr\u00e9vu pour accueillir une annexe (fournie par le propri\u00e9taire) \u00e9quip\u00e9e d&rsquo;un syst\u00e8me de propulsion diesel d&rsquo;une puissance inf\u00e9rieure \u00e0 200 kW.<br \/>\nUne porte de coque DMT \u00e0 commande \u00e9lectrohydraulique \u00e0 l&rsquo;arri\u00e8re r\u00e9alis\u00e9e en GRP et s&rsquo;ouvre en deux modes, vers le haut (mode garage flottant) et vers le bas (mode zone de plage). Dans l&rsquo;ensemble, l&rsquo;utilisation des portes de coque est limit\u00e9e \u00e0 la mer calme et aux eaux abrit\u00e9es. L&rsquo;\u00e9tat des portes de coque est surveill\u00e9 par le syst\u00e8me de surveillance central. Le fonctionnement de la porte DMT s&rsquo;effectue au moyen d&rsquo;un panneau de commande local.<br \/>\nTreuil hydraulique pour sortir et lancer l&rsquo;annexe sur les rouleaux fix\u00e9s au sol du garage.<br \/>\n\u00c9clairage aliment\u00e9 en 230 Vac et alimentation de secours 24 Vdc au plafond.<br \/>\nPorte battante \u00e9tanche pour s\u00e9parer le garage des compartiments adjacents.<\/p>\n<p>GARAGE AVANT<\/p>\n<p>Un rangement avec trappe hydraulique, \u00e0 l&rsquo;avant sous le bain de soleil du pont avant.<\/p>\n<p>VITRAGES EN VERRE<\/p>\n<p>Le type et l&rsquo;\u00e9paisseur des panneaux vitr\u00e9s sont conformes aux exigences des organismes de r\u00e9glementation.<br \/>\nLes vitrages sont de couleur Gris Europe (sauf pour la timonerie) et sont install\u00e9s sur la coque et les superstructures selon le GA et le design ext\u00e9rieur.<\/p>\n<p>HUBLOTS<\/p>\n<p>Hublots en acier inoxydable poli avec verre gris Europe dans la zone \u00e9quipage du pont inf\u00e9rieur de forme ronde<\/p>\n<p>PORTES \u00c9TANCHES<\/p>\n<p>Une entre la salle de contr\u00f4le des machines et la salle des machines<br \/>\nUne entre le local technique arri\u00e8re et la salle des machines<br \/>\nUne entre la salle de contr\u00f4le des machines et le garage<\/p>\n<p>PORTES DE PAVILLON ET PORTES ARRI\u00c8RE<\/p>\n<p>Deux portes au niveau du pont principal, sur l&rsquo;escalier menant \u00e0 la plateforme de bain, de type \u00e0 charni\u00e8res, avec un cadre en acier inoxydable poli.<br \/>\nDeux portes de pavois (une de chaque c\u00f4t\u00e9) avec charni\u00e8res dissimul\u00e9es et seuil et serrures en acier inoxydable.<\/p>\n<p>PORTES ET PANNEAUX EXT\u00c9RIEURS<\/p>\n<p>Du salon arri\u00e8re du pont principal au cockpit : porte vitr\u00e9e, de type coulissante et rotative, cadre peint, fabriqu\u00e9e en 3 parties, coulissante \u00e0 commande manuelle.<br \/>\nZone garde-manger du pont principal (c\u00f4t\u00e9 b\u00e2bord) : porte \u00e0 pantographe manuelle avec structure en PRV.<br \/>\nAcc\u00e8s pont principal \u00e0 la salle de contr\u00f4le (c\u00f4t\u00e9 b\u00e2bord) : porte \u00e0 pantographe manuelle en PRV.<br \/>\nHall du pont principal (c\u00f4t\u00e9 tribord) : porte vitr\u00e9e coulissante avec cadre peint en 2 parties, 1 coulissante \u00e0 commande manuelle et 1 fixe.<br \/>\nPont soleil : deux portes pantographes manuelles en PRV avec ouverture vitr\u00e9e avec syst\u00e8me de verrouillage\/d\u00e9verrouillage \u00e9lectrique.<br \/>\nDe la timonerie au pont soleil : panneau vitr\u00e9 coulissant avec cadre peint en 1 partie coulissante \u00e0 commande manuelle.<br \/>\nPanneaux \u00e9tanches \u00e0 commande manuelle avec capteur pour la surveillance de leur \u00e9tat sur le pont dans les zones suivantes :<br \/>\n\u2022 \u00c9vacuation de secours de la salle des machines, seuil de type affleurant<br \/>\n\u2022 Acc\u00e8s au pic avant, seuil de type affleurant<br \/>\n\u2022 \u00c9vacuation de secours de la cabine propri\u00e9taire, seuil de type affleurant<br \/>\n\u2022 \u00c9vacuation du pont soleil de la cabine \u00e9quipage avant par panneau \u00e0 charni\u00e8res horizontales.<\/p>\n<p>MAINS COURANTES, CAPRAILS, PILIERS ET ESCALIERS EXT\u00c9RIEURS NON STRUCTURELS<\/p>\n<p>Mains courantes en acier inoxydable poli AISI 316L, sur les zones suivantes :<\/p>\n<p>Mains courantes sp\u00e9cifiquement con\u00e7ues par le chantier et le designer sur l&rsquo;ouverture du pavois lat\u00e9ral des deux c\u00f4t\u00e9s tribord et b\u00e2bord du pont principal.<br \/>\nP\u00e9rim\u00e8tre arri\u00e8re SD : main courante en acier inoxydable poli de section rectangulaire 60&#215;20 mm avec chandeliers peints en noir (section circulaire D32mm) et rambardes.<br \/>\nP\u00e9rim\u00e8tres lat\u00e9raux et avant SD : chandeliers peints en noir et rambardes en corde synth\u00e9tique.<br \/>\nEscaliers non structurels avec cadre porteur en acier inoxydable et marches recouvertes de planches en teck.<br \/>\nDeux piliers en acier inoxydable peints ou polis sur le pont soleil pour soutenir le hard top.<\/p>\n<p>REV\u00caTEMENT DE PONT EN TECK<\/p>\n<p>Les ponts ext\u00e9rieurs principaux et lat\u00e9raux\/avant sont rev\u00eatus de teck naturel et de calfeutrage noir de s\u00e9rie, y compris les panneaux de pont.<br \/>\nPlateforme de bain et porte de tableau arri\u00e8re rev\u00eatues de teck naturel et de calfeutrage noir.<br \/>\nPlanches de 45 mm de large et d&rsquo;une longueur maximale de 3000 mm, \u00e9paisseur 12 mm. Planches de teck coll\u00e9es directement sur les ponts \u00e0 l&rsquo;aide d&rsquo;un syst\u00e8me de pose sous vide.<\/p>\n<p>\u00c9QUIPEMENT DE S\u00c9CURIT\u00c9<\/p>\n<p>Bou\u00e9es de sauvetage abrit\u00e9es (2) avec lumi\u00e8re et fum\u00e9e<br \/>\n2 radeaux de sauvetage pour 10 personnes chacun (total 20 personnes)<br \/>\n20 gilets de sauvetage<br \/>\n\u2022 2 gilets de sauvetage pour enfants<br \/>\n\u2022 1 transpondeur SART<br \/>\n\u2022 1 EPIRB<br \/>\nLa liste des \u00e9quipements de lutte contre l&rsquo;incendie standard est la suivante\u00a0:<br \/>\n\u2022 Extincteurs \u00e0 mousse (3)<br \/>\n\u2022 Extincteurs \u00e0 poudre 1 kg (2)<br \/>\n\u2022 Extincteurs \u00e0 poudre 6 kg (5)<br \/>\n\u2022 Extincteurs CO2 5 kg (6)<br \/>\n\u2022 Couverture anti-feu (5)<\/p>\n<p>BERCEAUX D&rsquo;ANNEXE<\/p>\n<p>Un jeu de rouleaux en plastique pour l&rsquo;annexe \u00e0 l&rsquo;int\u00e9rieur du garage arri\u00e8re mont\u00e9 sur des cadres en acier inoxydable boulonn\u00e9s \u00e0 la plaque inf\u00e9rieure.<\/p>\n<p>VOIES DE VOIE LAT\u00c9RALES<\/p>\n<p>Voies de travail au-dessus des fen\u00eatres sur les sections pleine largeur de la superstructure pour permettre le nettoyage des fen\u00eatres par l&rsquo;\u00e9quipage \u00e0 l&rsquo;aide d&rsquo;un harnais et d&rsquo;une chaise de m\u00e2t.<br \/>\nDeux glissi\u00e8res (chariots) et but\u00e9es d&rsquo;extr\u00e9mit\u00e9 sur chaque rail.<\/p>\n<p>M\u00c2TS DE DRAPEAU<\/p>\n<p>M\u00e2t de drapeau en acier inoxydable sur le pavois arri\u00e8re du pont soleil.<\/p>\n<p>ESSUIE-GLACE<\/p>\n<p>Les fen\u00eatres de la timonerie avant sont \u00e9quip\u00e9es de trois essuie-glaces \u00e0 vitesse intermittente et variable.<br \/>\nGicleurs de nettoyage \u00e0 eau froide<\/p>\n<p>DOUCHES EXT\u00c9RIEURES<\/p>\n<p>Un pommeau de douche, avec connexion mobile sur la plateforme de bain arri\u00e8re.<br \/>\nEnvoyer des commentaires<br \/>\nPanneaux lat\u00e9raux<br \/>\nHistorique<\/p>\n<p>Syst\u00e8me \u00e9lectrique<\/p>\n<p>DISTRIBUTION DE PUISSANCE<\/p>\n<p>Le syst\u00e8me est con\u00e7u pour assurer une r\u00e9partition uniforme de la charge sur les trois phases.<br \/>\nLes sources d&rsquo;alimentation en courant alternatif sont connect\u00e9es au tableau \u00e9lectrique principal install\u00e9 dans la salle de contr\u00f4le avec disjoncteur magn\u00e9tothermique automatique et \u00e9galement contr\u00f4l\u00e9 \u00e0 distance.<br \/>\nUne source de boutons-poussoirs r\u00e9tro\u00e9clair\u00e9s pour chaque alimentation pour indiquer l&rsquo;\u00e9tat en ligne\/hors ligne ainsi que des lampes pour indiquer la tension de ligne.<br \/>\nUn bouton d&rsquo;arr\u00eat d&rsquo;urgence pour chaque g\u00e9n\u00e9rateur sur le tableau \u00e9lectrique principal. Jeux de barres 400 et 230 Vca divis\u00e9s en deux sections, chaque section alimente la moiti\u00e9 des utilisateurs.<br \/>\nUn couplage de bus s\u00e9pare les deux syst\u00e8mes de jeux de barres, actionn\u00e9 manuellement et permet de connecter un ou deux g\u00e9n\u00e9rateurs au syst\u00e8me de distribution.<br \/>\nDispositifs de protection automatiques d\u00e9di\u00e9s qui \u00e9vitent les erreurs dans les op\u00e9rations de gestion des sources \u00e9lectriques.<br \/>\nLe syst\u00e8me de mise \u00e0 la terre est un conducteur neutre s\u00e9par\u00e9 (type TN-S).<br \/>\nSyst\u00e8me de distribution \u00e9quip\u00e9 d&rsquo;un dispositif indicateur de faible isolation fournissant un signal d&rsquo;alarme localement et au syst\u00e8me de surveillance.<br \/>\nSyst\u00e8me de protection contre les retours de puissance pour chaque g\u00e9n\u00e9rateur.<\/p>\n<p>CONNEXION \u00c0 QUAI<\/p>\n<p>Alimentation standard d&rsquo;un transformateur d&rsquo;isolement triphas\u00e9 de 70 kVA, entr\u00e9e 400 Vac, sortie 400\/230 Vac avec neutre.<br \/>\nUne prise de courant de 125 A avec environ 20 m de c\u00e2ble.<br \/>\nUn dispositif \u00e9lectrique pour la manipulation du c\u00e2ble d&rsquo;alimentation portable \u00e0 l&rsquo;arri\u00e8re.<br \/>\nLes op\u00e9rations de conversion \u00ab en ligne \u00bb et \u00ab hors ligne \u00bb s&rsquo;ex\u00e9cutent uniquement \u00e0 partir du panneau avant de l&rsquo;unit\u00e9 de conversion.<\/p>\n<p>TABLEAU DE COMMANDE PRINCIPAL<\/p>\n<p>Construit (IP22) en acier, peint et install\u00e9 dans la salle de contr\u00f4le des moteurs. La face avant est isol\u00e9e par des grilles de ventilation naturelle et des panneaux \u00e0 charni\u00e8res ouvrants.<br \/>\n\u00c9tiquettes appropri\u00e9es pour chaque jauge ou interrupteur.<br \/>\nBarres omnibus en cuivre tr\u00e9fil\u00e9, de section appropri\u00e9e et isol\u00e9es.<br \/>\nToutes les lignes provenant du tableau de distribution passent par des disjoncteurs \u00e0 commande manuelle ayant des d\u00e9clenchements de court-circuit et de surintensit\u00e9.<br \/>\nLe tableau \u00e9lectrique est divis\u00e9 comme suit\u00a0:<br \/>\n\u2022 G\u00e9n\u00e9rateurs 400\/230\u00a0Vac et panneau de commande de la ligne de quai<br \/>\n\u2022 Section d&rsquo;alimentation 24\u00a0Vdc<br \/>\n\u2022 Section pour les diff\u00e9rents interrupteurs de d\u00e9marrage des syst\u00e8mes<br \/>\nLa section du panneau des g\u00e9n\u00e9rateurs comprend les principaux \u00e9l\u00e9ments suivants\u00a0:<br \/>\n\u2022 Un multim\u00e8tre pour chaque g\u00e9n\u00e9rateur<br \/>\n\u2022 Jauges de tension, jauges d&rsquo;amp\u00e9rage<br \/>\n\u2022 Contr\u00f4le de mise \u00e0 la terre<br \/>\n\u2022 Syst\u00e8me Mayer (SLS)<br \/>\n\u2022 Alarme de surcharge<br \/>\n\u2022 Lampes de signalisation<br \/>\nLa section du tableau \u00e9lectrique 24\u00a0Vdc accueille les interrupteurs magn\u00e9tothermiques pour les utilisateurs du syst\u00e8me \u00e9lectrique \u00e0 courant continu et l&rsquo;affichage du syst\u00e8me de surveillance.<br \/>\nChaque groupe \u00e9lectrog\u00e8ne dispose d&rsquo;un interrupteur d&rsquo;isolement et de voyants pour indiquer l&rsquo;\u00e9tat de marche et d&rsquo;arr\u00eat.<\/p>\n<p>TABLEAU \u00c9LECTRIQUE D&rsquo;URGENCE<\/p>\n<p>Install\u00e9 aussi pr\u00e8s que possible de la source d&rsquo;alimentation \u00e9lectrique de secours, aliment\u00e9 par un syst\u00e8me de batterie de secours.<br \/>\nBanque de batteries 24\u00a0Vdc \u00e9quip\u00e9e d&rsquo;un coupe-batterie manuel et d&rsquo;un chargeur de batterie d\u00e9di\u00e9, et dimensionn\u00e9e en fonction de l&rsquo;\u00e9quilibre \u00e9lectrique en cas d&rsquo;urgence et conform\u00e9ment aux exigences des organismes de r\u00e9glementation.<\/p>\n<p>TABLEAUX DE DISTRIBUTION<\/p>\n<p>Les tableaux de distribution sont r\u00e9partis le long du Yacht selon la conception du syst\u00e8me \u00e9lectrique, construits en mat\u00e9riau m\u00e9tallique ou composite et aliment\u00e9s par le tableau principal par des lignes \u00e9quip\u00e9es de disjoncteurs de protection. Les lignes de d\u00e9part sont prot\u00e9g\u00e9es par des disjoncteurs \u00e0 commande manuelle.<\/p>\n<p>BATTERIES<\/p>\n<p>Deux groupes (24Vdc) (un par unit\u00e9) pour le d\u00e9marrage des moteurs principaux ; aliment\u00e9s par un chargeur de batterie<br \/>\nDeux groupes (12Vdc) (un par unit\u00e9) pour le d\u00e9marrage des g\u00e9n\u00e9rateurs diesel ; aliment\u00e9s par un chargeur de batterie<br \/>\nUn groupe pour la distribution d&rsquo;urgence 24Vdc ; aliment\u00e9 par un chargeur de batterie<br \/>\nUn groupe (24Vdc) pour la station radio ; aliment\u00e9 par un chargeur de batterie<br \/>\nUn groupe pour les utilisateurs 24Vdc (services) ; aliment\u00e9 par un chargeur de batterie<br \/>\nBatteries de d\u00e9marrage recharg\u00e9es par les alternateurs install\u00e9s sur le moteur concern\u00e9 et un chargeur de batterie d\u00e9di\u00e9.<br \/>\nLes batteries de d\u00e9marrage des moteurs principaux peuvent \u00eatre \u00e9chang\u00e9es en cas d&rsquo;urgence.<br \/>\nL&rsquo;\u00e9tat de toutes les batteries sera affich\u00e9 sur le syst\u00e8me de surveillance central.<\/p>\n<p>MOTEURS ELECTRIQUES ET DEMARREURS<\/p>\n<p>Chaque d\u00e9marreur de moteur est \u00e9quip\u00e9 d&rsquo;un interrupteur d&rsquo;isolement et de voyants pour indiquer l&rsquo;\u00e9tat de marche et d&rsquo;arr\u00eat.<\/p>\n<p>SYSTEME D&rsquo;ECLAIRAGE<\/p>\n<p>Eclairage LED dans les locaux d&rsquo;habitation int\u00e9rieurs g\u00e9n\u00e9raux. Syst\u00e8me d&rsquo;\u00e9clairage principal 230Vac par des drivers contr\u00f4l\u00e9s \u00e9lectroniquement et g\u00e9n\u00e9ralement positionn\u00e9s dans le tableau de distribution de la zone. En cas de panne de courant, quelques lumi\u00e8res aliment\u00e9es par les batteries de secours.<\/p>\n<p>ESPACES TECHNIQUES<\/p>\n<p>Les locaux techniques sont \u00e9clair\u00e9s selon la norme du constructeur par un syst\u00e8me 230Vac par des plafonniers ou de type \u0153il de b\u0153uf dans les zones plus petites.<br \/>\nGrands coffres de rangement avec un \u00e9clairage suffisant aliment\u00e9 par une ligne 24Vdc, avec interrupteur local.<br \/>\nLa salle des machines et la salle de contr\u00f4le sont \u00e9clair\u00e9es au moyen de plafonniers IP55 avec un interrupteur au droit de l&rsquo;acc\u00e8s principal.<\/p>\n<p>TIMONERIE<\/p>\n<p>Lampe de lecture \u00e0 la position de la carte.<br \/>\nSyst\u00e8me d&rsquo;\u00e9clairage \u00e0 lumi\u00e8re rouge dans la timonerie pour la navigation de nuit.<\/p>\n<p>&nbsp;<\/p>\n<p>ESPACES D&rsquo;\u00c9QUIPAGE<\/p>\n<p>Spots de type LED au plafond des logements de l&rsquo;\u00e9quipage.<br \/>\nChaque lit d&rsquo;\u00e9quipage est \u00e9quip\u00e9 d&rsquo;une lampe de lecture LED.<\/p>\n<p>\u00c9CLAIRAGE INT\u00c9RIEUR (VIP &amp; BEACH CLUB)<\/p>\n<p>L&rsquo;\u00e9clairage des espaces VIP et du beach club est bas\u00e9 sur l&rsquo;installation de spots de type LED au plafond et de bandes LED le long des bords du plafond et au niveau des marches des escaliers int\u00e9rieurs, comme \u00e9clairage de courtoisie int\u00e9rieur.<br \/>\nChaque pi\u00e8ce dispose d&rsquo;au moins deux syst\u00e8mes d&rsquo;\u00e9clairage distincts avec leurs interrupteurs respectifs.<\/p>\n<p>INTERRUPTEURS, PRISES ET COUVERCLES ASSOCI\u00c9S<\/p>\n<p>Interrupteurs, prises 230Vac 3 broches 16A et couvercles associ\u00e9s fabriqu\u00e9s par PLH, ou similaires, dans les espaces int\u00e9rieurs VIP, les zones d&rsquo;\u00e9quipage, la timonerie, le garde-manger et les prises de la cabine du capitaine.<br \/>\nPrises 24Vdc, 230Vac et 400Vac dans la salle de contr\u00f4le des machines, tandis que dans la salle des machines une prise universelle Vimar + GFI30mA.<\/p>\n<p>\u00c9CLAIRAGE EXT\u00c9RIEUR<\/p>\n<p>Le syst\u00e8me d&rsquo;\u00e9clairage est con\u00e7u pour \u00e9clairer correctement les ponts, les escaliers et les coursives, les zones d&#8217;embarquement lat\u00e9rales et la passerelle arri\u00e8re.<br \/>\nLes projecteurs du m\u00e2t \u00e9clairent les c\u00f4t\u00e9s b\u00e2bord et tribord.<br \/>\nLes projecteurs du bord ext\u00e9rieur du plafond du pont \u00e9clairent les zones d&#8217;embarquement des radeaux de sauvetage.<br \/>\nLe guindeau d&rsquo;ancre sur le pont avant est \u00e9clair\u00e9 par des lumi\u00e8res pour permettre un travail en toute s\u00e9curit\u00e9 sans \u00e9blouissement.<br \/>\nTous les \u00e9clairages ext\u00e9rieurs sont contr\u00f4l\u00e9s depuis la timonerie<br \/>\n.\u00c9clairage ext\u00e9rieur\u00a0:<br \/>\n\u2022 Spots LED au plafond<br \/>\n\u2022 Spots LED au sol<br \/>\n\u2022 \u00c9clairage LED pour marches d&rsquo;escalier<br \/>\nY compris les tampons, variateurs et blocs d&rsquo;alimentation\/transformateurs requis.<br \/>\nL&rsquo;\u00e9clairage ext\u00e9rieur sera s\u00e9lectionn\u00e9 par le constructeur.<\/p>\n<p>PROJECTEUR DE RECHERCHE<\/p>\n<p>Un (1) projecteur de recherche sur le m\u00e2t et pourra \u00eatre command\u00e9 \u00e0 distance depuis la timonerie.<\/p>\n<p>\u00c9CLAIRAGES SOUS-MARINS<\/p>\n<p>\u00c9clairages sous-marins pour l&rsquo;\u00e9clairage du plan d&rsquo;eau autour du yacht. Fran\u00e7aisCes feux sont r\u00e9partis comme suit : 8 \u00e0 tribord, 8 \u00e0 b\u00e2bord et 4 sur le tableau arri\u00e8re. Les \u00e9clairages sous-marins seront contr\u00f4l\u00e9s depuis la timonerie et depuis le cockpit sur le pont principal.<\/p>\n<p>\u00c9CLAIRAGE DE SECOURS<\/p>\n<p>Tous les passages et escaliers menant au poste de pilotage et \u00e0 d&rsquo;autres endroits requis par les organismes de r\u00e9glementation seront \u00e9quip\u00e9s d&rsquo;un nombre appropri\u00e9 d&rsquo;\u00e9clairages de secours.<br \/>\nLes \u00e9clairages sont aliment\u00e9s par un parc de batteries de secours ou par une source d&rsquo;alimentation de r\u00e9serve ind\u00e9pendante.<\/p>\n<p>SYST\u00c8ME FIXE DE D\u00c9TECTION ET D&rsquo;ALARME INCENDIE<\/p>\n<p>Syst\u00e8me dans tous les espaces clos, \u00e0 l&rsquo;exception de ceux ne pr\u00e9sentant aucun risque d&rsquo;incendie significatif (toilettes, salle de bain, espace vide, etc.) et des points d&rsquo;appel \u00e0 commande manuelle plac\u00e9s dans tout le yacht pour assurer des moyens de notification facilement accessibles, comme l&rsquo;exigent les organismes de r\u00e9glementation.<\/p>\n<p>\u00c9lectronique \/ Divertissement<\/p>\n<p>SYST\u00c8ME DE NAVIGATION<\/p>\n<p>Tableau de bord int\u00e9gr\u00e9 innovant avec navigation et automatisation dans la timonerie. Le tableau de bord est compos\u00e9 de :<\/p>\n<p>4 \u00e9crans tactiles MFD 16\u201d (verticaux)<br \/>\n2 \u00e9crans tactiles MFD 16\u201d (horizontaux)<br \/>\n2 commandes du syst\u00e8me Jog<br \/>\nLevier de commande du propulseur d&rsquo;\u00e9trave<br \/>\nManettes des gaz des moteurs principaux<br \/>\nBoutons de d\u00e9marrage\/arr\u00eat des moteurs principaux et signaux d&rsquo;alarme + boutons d&rsquo;arr\u00eat d&rsquo;urgence<br \/>\nCl\u00e9 des moteurs principaux<br \/>\nPilote automatique<br \/>\n2 VHF (classe D DSC)<br \/>\nBuzzers d&rsquo;alarme<br \/>\nLe tableau de bord int\u00e9gr\u00e9 permet la visualisation et le contr\u00f4le (o\u00f9 indiqu\u00e9) des \u00e9l\u00e9ments suivants :<\/p>\n<p>Gestion de la configuration des moniteurs de navigation<br \/>\nGestion des sc\u00e8nes de contr\u00f4le du dispositif de la timonerie<br \/>\nS\u00e9lecteur de langue (italien \u2013 anglais)<br \/>\nContr\u00f4le de la luminosit\u00e9 du moniteur int\u00e9gr\u00e9 (Hatteland)<br \/>\nContr\u00f4le des essuie-glaces<br \/>\nContr\u00f4le du klaxon<br \/>\nContr\u00f4le de la vid\u00e9osurveillance<br \/>\nContr\u00f4le des projecteurs de recherche<br \/>\nContr\u00f4le de la signalisation du klaxon de brouillard<br \/>\nContr\u00f4le des feux de la timonerie<br \/>\nContr\u00f4le des feux de navigation<br \/>\nCap<br \/>\nRouleau et tangage<br \/>\nDirection et vitesse du vent<br \/>\nProfondeur de la mer<br \/>\nVitesse du yacht<br \/>\nContr\u00f4le et variateur de lumi\u00e8re du compas<br \/>\nPanneau de commande de la direction<br \/>\nSyst\u00e8me de stabilisation<br \/>\nNiveaux des r\u00e9servoirs, y compris les niveaux haut et bas Alarmes<br \/>\nPage d&rsquo;alimentation CA (principaux param\u00e8tres du convertisseur, de l&rsquo;alimentation \u00e0 quai et des g\u00e9n\u00e9rateurs lorsqu&rsquo;ils sont install\u00e9s)<br \/>\nPage d&rsquo;alimentation CC (principaux param\u00e8tres des principaux \u00e9l\u00e9ments aliment\u00e9s par le courant CC)<br \/>\nBatteries<br \/>\nMoteurs principaux<br \/>\nBo\u00eetes de vitesses<br \/>\nPortes ext\u00e9rieures et \u00e9coutilles et hublots (le cas \u00e9ch\u00e9ant)<br \/>\nPortes de coque<br \/>\nPortes int\u00e9rieures \u00e9tanches<br \/>\nAlarmes de cale<br \/>\nSyst\u00e8me de d\u00e9tection d&rsquo;incendie<br \/>\nDessalinisateur<br \/>\nContr\u00f4le des pompes de cale et d&rsquo;incendie<br \/>\nContr\u00f4le de la ventilation ER<br \/>\nNom du navire (lorsqu&rsquo;il est r\u00e9tro\u00e9clair\u00e9)<br \/>\nContr\u00f4le des lumi\u00e8res sous-marines<br \/>\nContr\u00f4le des lumi\u00e8res ext\u00e9rieures et de l&rsquo;\u00e9clairage de la cabine<br \/>\nPompe de gouvernail<br \/>\nPosition du gouvernail (RAI)<br \/>\nMode de pilotage et prise en charge<br \/>\nExtinction d&rsquo;incendie<br \/>\nDonn\u00e9es moteur Conning<br \/>\nSyst\u00e8me de surveillance<br \/>\nEnvoyer des commentaires<br \/>\nPanneaux lat\u00e9raux<\/p>\n<p>Postes suppl\u00e9mentaires :<br \/>\nPostes de commande positionn\u00e9s \u00e0 l&rsquo;ext\u00e9rieur sur le pont soleil et sur le cockpit arri\u00e8re du pont principal, comprenant les commandes suivantes :<\/p>\n<p>Poste de pilotage arri\u00e8re :<br \/>\n\u2013 manettes des moteurs principaux<br \/>\n\u2013 panneaux de commande des moteurs principaux<br \/>\n\u2013 panneau de commande du propulseur d&rsquo;\u00e9trave<br \/>\nPoste pont soleil (b\u00e2bord ou tribord) :<br \/>\n\u2013 manettes des moteurs principaux<br \/>\n\u2013 panneaux de commande et indicateurs des moteurs principaux<br \/>\n\u2013 indicateur de barre franche et d&rsquo;angle de barre<br \/>\n\u2013 panneau de commande du propulseur d&rsquo;\u00e9trave<br \/>\n\u2013 \u200b\u200bpanneau de commande du projecteur de recherche<br \/>\n\u2013 pilote automatique<br \/>\n\u2013 interphone, klaxon et VHF<\/p>\n<p>\u00c9QUIPEMENT DE NAVIGATION<\/p>\n<p>1 compas magn\u00e9tique avec fluxgate au-dessus<br \/>\n1 pilote automatique, complet avec compas gyroscopique<br \/>\n1 \u00e9chosondeur avec \u00e9cran LCD couleur<br \/>\n1 transducteur multifonction (profondeur, vitesse, temp\u00e9rature)<br \/>\nCapteurs de navigation comprenant :<br \/>\n\u2013 n.1 radar 3,5ft , antenne radar \u00e0 r\u00e9seau ouvert<br \/>\n\u2013 n.3 GPS<br \/>\n\u2013 n.1 syst\u00e8me Flux gate<br \/>\n\u2013 n.1 compas magn\u00e9tique<br \/>\n\u2013 n.1 station m\u00e9t\u00e9o<\/p>\n<p>FEUX DE NAVIGATION<\/p>\n<p>1 blanc, feu de navigation en t\u00eate de m\u00e2t<br \/>\n1 feu blanc, feu d&rsquo;ancre<br \/>\n1 feu rouge, feu de navigation \u00e0 b\u00e2bord<br \/>\n1 feu vert, feu de navigation \u00e0 tribord<br \/>\n1 feu blanc, feu de poupe<br \/>\n4 feux rouges, non command\u00e9s.<br \/>\nLes feux de navigation sont contr\u00f4l\u00e9s par un panneau install\u00e9 dans la timonerie.<br \/>\nAlarme sonore et visuelle pour indiquer la panne de tout feu de navigation.<br \/>\nPanneau aliment\u00e9 par le syst\u00e8me de secours.<\/p>\n<p>KLAXON<\/p>\n<p>Un (1) klaxon \u00e0 air comprim\u00e9<br \/>\nType \u00e0 pression d&rsquo;air avec \u00e9lectrovanne connect\u00e9e au syst\u00e8me de pression d&rsquo;air principal avec r\u00e9cepteur d&rsquo;air local complet avec panneau de commande avec minuterie de signal de brouillard install\u00e9 sur le pont.<\/p>\n<p>SYST\u00c8ME DE SURVEILLANCE<\/p>\n<p>n.1 \u00e9cran mfd dans la barre principale (16&Prime;)<br \/>\nn.1 \u00e9cran mfd dans le mess de l&rsquo;\u00e9quipage (16&Prime;)<br \/>\nn.1 \u00e9cran mfd dans la salle de contr\u00f4le des machines (16&Prime;)<\/p>\n<p>SYST\u00c8ME DE COMMUNICATION<\/p>\n<p>2 radiot\u00e9l\u00e9phones VHF avec DSC GMDSS classe D avec 2 combin\u00e9s \u00e0 distance dans la dinette de l&rsquo;\u00e9quipage et la salle de contr\u00f4le \u00e9lectronique<br \/>\n2 appareils VHF GMDSS portables.<br \/>\n1 radiot\u00e9l\u00e9phone SSB GMDSS \u2013 DSC<br \/>\n1 r\u00e9cepteur NAVTEX<br \/>\n1 EPIRB 406 MHz, GMDSS, avec largage hydrostatique.<br \/>\n1 transpondeur radar, GMDSS (SART)<\/p>\n<p>SYST\u00c8ME R\u00c9SEAU<\/p>\n<p>R\u00e9seau LAN et un r\u00e9seau WIFI d\u00e9di\u00e9 pour les services informatiques \u00e0 bord, le divertissement \u00e0 bord et le syst\u00e8me AV compatibles avec les derniers protocoles et technologies disponibles au moment de l&rsquo;installation de l&rsquo;\u00e9quipement.<\/p>\n<p>SYST\u00c8ME D&rsquo;INTERCOM<\/p>\n<p>Un syst\u00e8me d&rsquo;intercom aliment\u00e9 par la ligne d&rsquo;alimentation de secours dans les endroits suivants :<br \/>\n\u2022 1 poste central avec microphone dans la timonerie<br \/>\n\u2022 1 poste d&rsquo;interphonie avec casque dans la salle des machines au poste de commande local des moteurs<br \/>\n\u2022 1 poste d&rsquo;interphonie au poste d&rsquo;amarrage avant<br \/>\n\u2022 1 poste d&rsquo;interphonie au poste d&rsquo;amarrage arri\u00e8re.<\/p>\n<p>SYST\u00c8ME DE VID\u00c9OCOMMUNICATION<\/p>\n<p>n.3 de type fixe, 2 dans la salle des machines, 1 dans le contr\u00f4le des moteurs<br \/>\nn.3 cam\u00e9ras fixes \u00e9tanches, 2 au plafond du couloir ext\u00e9rieur du pont principal (une de chaque c\u00f4t\u00e9), 1 dans le cockpit du pont principal<br \/>\nLes cam\u00e9ras doivent \u00eatre plac\u00e9es pour une meilleure vue et de mani\u00e8re \u00e0 ce que l&rsquo;\u00e9clairage normal n&rsquo;\u00e9blouisse pas les cam\u00e9ras.<br \/>\nSyst\u00e8me int\u00e9gr\u00e9 au syst\u00e8me de surveillance.<\/p>\n<p>SYST\u00c8ME DE DIVERTISSEMENT ET INFORMATIQUE<\/p>\n<p>Syst\u00e8me (AV) avec serveur multim\u00e9dia install\u00e9 au centre, r\u00e9cepteur satellite et autres \u00e9quipements n\u00e9cessaires Les zones de luxe et d&rsquo;\u00e9quipage disposent de t\u00e9l\u00e9viseurs LED et de syst\u00e8mes sonores appropri\u00e9s.<br \/>\n(1) Antenne terrestre omnidirectionnelle avec TV, AM\/FM.<br \/>\nC\u00e2blage standard pour un syst\u00e8me int\u00e9gr\u00e9 dans tous les domaines.<br \/>\nSyst\u00e8me de divertissement centralis\u00e9 avec une unit\u00e9 de rack principale plac\u00e9e dans une zone d\u00e9di\u00e9e.<\/p>\n<p>Int\u00e9rieur<br \/>\nPONT INF\u00c9RIEUR ET ESPACE INVIT\u00c9S<\/p>\n<p>Hall d&rsquo;entr\u00e9e<br \/>\nEscalier MD \u2013 LD<br \/>\nCabine invit\u00e9s b\u00e2bord (arri\u00e8re) avec penderie<br \/>\nSalle de bain invit\u00e9s b\u00e2bord avec WC et bidet s\u00e9par\u00e9s<br \/>\nCabine invit\u00e9s tribord (arri\u00e8re) avec penderie<br \/>\nSalle de bain invit\u00e9s tribord avec WC et bidet s\u00e9par\u00e9s<br \/>\nCabine invit\u00e9s b\u00e2bord (avant) avec penderie<br \/>\nSalle de bain invit\u00e9s b\u00e2bord avec WC et bidet<br \/>\nCabine invit\u00e9s tribord (avant) avec penderie<br \/>\nSalle de bain invit\u00e9s tribord avec WC et bidet<\/p>\n<p>PONT PRINCIPAL<\/p>\n<p>Salon principal<br \/>\nHall d&rsquo;entr\u00e9e<br \/>\nEscalier MD-UD<br \/>\nToilette de jour<br \/>\nGarde-manger c\u00f4t\u00e9 b\u00e2bord<br \/>\nCuisine et local de rangement<br \/>\nCouloir d&rsquo;\u00e9quipage<br \/>\nCabine du propri\u00e9taire<br \/>\nBureau du propri\u00e9taire<br \/>\nPlacard du propri\u00e9taire<br \/>\nSalle de bain du propri\u00e9taire<\/p>\n<p>PONT SUP\u00c9RIEUR<\/p>\n<p>Timonerie<br \/>\nESPACE \u00c9QUIPAGE (5 MEMBRES D&rsquo;\u00c9QUIPAGE)<\/p>\n<p>Escalier<br \/>\nD\u00eenette d&rsquo;\u00e9quipage (c\u00f4t\u00e9 tribord)<br \/>\nCabine capitaine c\u00f4t\u00e9 ouest<br \/>\nCabines d&rsquo;\u00e9quipage c\u00f4t\u00e9 b\u00e2bord et tribord (double)<\/p>\n<p>\u00c9LECTROM\u00c9NAGERS<\/p>\n<p>Cuisine :<\/p>\n<p>Cuisson \u00e9lectrique vitroc\u00e9ramique 5 feux BOSCH<br \/>\nHotte (30 a.c.\/h)<br \/>\nFour (90cm \/ 35,4inc.) BOSCH<br \/>\nLave-vaisselle (12 personnes) BOSCH<br \/>\nR\u00e9frig\u00e9rateur c\u00f4te \u00e0 c\u00f4te BOSCH<br \/>\nCompacteur \u00e0 d\u00e9chets<br \/>\n\u00c9vier double<br \/>\nGarde-manger Pont principal :<\/p>\n<p>Four \u00e0 micro-ondes<br \/>\nR\u00e9frig\u00e9rateur sous plan BOSCH<br \/>\nMessagerie de l&rsquo;\u00e9quipage :<\/p>\n<p>Four \u00e0 micro-ondes<br \/>\nR\u00e9frig\u00e9rateur sous plan<br \/>\nBuanderie (zone \u00e9quipage) :<\/p>\n<p>S\u00e8che-linge BOSCH<br \/>\nLave-linge BOSCH<br \/>\nPont solaire :<\/p>\n<p>R\u00e9frig\u00e9rateur \u00e0 bouteilles \u00e0 tiroir 90l<br \/>\nMachine \u00e0 gla\u00e7ons<br \/>\nGrill<\/p>\n<p><strong><span style=\"color: black;\">\u00a0<\/span><\/strong><\/p>\n<p><strong><span style=\"color: black;\">AVIS DE NON-RESPONSABILIT\u00c9<\/span><\/strong><\/p>\n<p><strong><span style=\"color: black; font-weight: normal;\">Le bateau qui est pr\u00e9sent\u00e9 sur cette page, l\u2019est uniquement \u00e0 titre d&rsquo;information et n&rsquo;est pas n\u00e9cessairement toujours disponible \u00e0 la vente et\/ou \u00e0 la location.<\/span><\/strong><span class=\"apple-converted-space\"><b><span style=\"color: black;\">\u00a0<\/span><\/b><\/span><strong><span style=\"color: black; font-weight: normal;\">Ce bateau est peut-\u00eatre offert sous r\u00e9serve, il faut v\u00e9rifier sa disponibilit\u00e9.<\/span><\/strong><span class=\"apple-converted-space\"><b><span style=\"color: black;\">\u00a0<\/span><\/b><\/span><strong><span style=\"color: black; font-weight: normal;\">\u00a0Ce document ou cette annonce n&rsquo;est pas contractuel. Les informations sur les bateaux affich\u00e9es dans les r\u00e9sultats ci-dessus sont pr\u00e9sent\u00e9es en toute bonne foi et, bien qu&rsquo;elles soient consid\u00e9r\u00e9es comme correctes, elles ne sont pas garanties. Ita Yachts Canada ne garantit pas et n&rsquo;assume aucune responsabilit\u00e9 l\u00e9gale ou responsabilit\u00e9 pour l&rsquo;exactitude, l&rsquo;exhaustivit\u00e9 ou l&rsquo;utilit\u00e9 des informations et\/ou des images affich\u00e9es, car elles peuvent ne pas \u00eatre \u00e0 jour ou encore \u00eatres des images d&rsquo;un bateau comparable. Toutes les informations sur les bateaux peuvent \u00eatre modifi\u00e9es sans pr\u00e9avis et sont sans garantie.<\/span><\/strong><span class=\"apple-converted-space\"><b><span style=\"color: black;\">\u00a0<\/span><\/b><\/span><strong><span style=\"color: black; font-weight: normal;\">Ce bateau est peut-\u00eatre offert par un autre courtier ouvert au co-courtage (co-brokerage).<\/span><\/strong><\/p>\n<p>&nbsp;<\/p>\n<div data-test='contact-form'\n\t\t\tid='contact-form-175840'\n\t\t\tclass='jetpack-contact-form-container '\n\t\t\tdata-wp-interactive='jetpack\/form' data-wp-context='{\"formId\":\"175840\",\"formHash\":\"a0814feb4adcaf19b1d5747188e93dc0da82d349\",\"showErrors\":false,\"errors\":[],\"fields\":[],\"isMultiStep\":false,\"useAjax\":false,\"submissionData\":null,\"formattedSubmissionData\":[],\"submissionSuccess\":false,\"submissionError\":null,\"elementId\":\"jp-form-a0814feb4adcaf19b1d5747188e93dc0da82d349\",\"isSingleInputForm\":false,\"isForcedHorizontal\":false}'\n\t\t\tdata-wp-watch--scroll-to-wrapper=\"callbacks.scrollToWrapper\"\n\t\t>\n<div class=\"contact-form-submission contact-form-ajax-submission\" data-wp-bind--aria-hidden=\"state.isSuccessMessageAriaHidden\" data-wp-class--submission-success=\"context.submissionSuccess\" id=\"contact-form-success-a0814feb4adcaf19b1d5747188e93dc0da82d349\" tabindex=\"-1\" aria-labelledby=\"contact-form-success-header-a0814feb4adcaf19b1d5747188e93dc0da82d349\"><p class=\"go-back-message\"><a class=\"link\" role=\"button\" tabindex=\"0\" data-wp-on--click=\"actions.goBack\" href=\"\/fr\/wp-json\/wp\/v2\/listing\/175840\">\u2190 Retour<\/a><\/p><h4 data-wp-bind--aria-hidden=\"state.isSuccessMessageAriaHidden\" id=\"contact-form-success-header-a0814feb4adcaf19b1d5747188e93dc0da82d349\">Merci pour votre r\u00e9ponse. \u2728<\/h4>\n\n<template data-wp-each--submission=\"context.formattedSubmissionData\">\n\t\t\t\t\t<div class=\"jetpack_forms_contact-form-success-summary\">\n\t\t\t\t\t\t<div class=\"field-name-wrapper\">\n\t\t\t\t\t\t\t<div class=\"field-type-icon\" data-wp-watch=\"callbacks.watchFieldTypeIcon\"><\/div>\n\t\t\t\t\t\t\t<div class=\"field-name\" data-wp-text=\"context.submission.label\" data-wp-bind--hidden=\"!context.submission.label\"><\/div>\n\t\t\t\t\t\t<\/div>\n\t\t\t\t\t\t<div class=\"field-value\" data-wp-text=\"context.submission.value\" data-wp-bind--hidden=\"!context.submission.showPlainValue\"><\/div>\n\t\t\t\t\t\t<a class=\"field-url\" data-wp-bind--href=\"context.submission.url\" data-wp-text=\"context.submission.value\" data-wp-bind--hidden=\"!context.submission.url\" target=\"_blank\" rel=\"noopener noreferrer\"><\/a>\n\t\t\t\t\t\t<div class=\"field-rating\" data-wp-bind--hidden=\"!context.submission.rating\" data-wp-watch=\"callbacks.watchRatingIcons\"><\/div>\n\t\t\t\t\t\t<div class=\"field-images\" data-wp-bind--hidden=\"!context.submission.images\">\n\t\t\t\t\t\t\t<template data-wp-each--image=\"context.submission.images\">\n\t\t\t\t\t\t\t\t<div class=\"field-image-option\" data-wp-class--is-empty=\"!context.image.src\">\n\t\t\t\t\t\t\t\t\t<figure class=\"field-image-option__image\" data-wp-class--is-empty=\"!context.image.src\">\n\t\t\t\t\t\t\t\t\t\t<img data-wp-bind--src=\"context.image.src\" data-wp-bind--hidden=\"!context.image.src\" \/>\n\t\t\t\t\t\t\t\t\t\t<img decoding=\"async\" src=\"data:image\/gif;base64,R0lGODlhAQABAAD\/ACwAAAAAAQABAAACADs=\" data-wp-bind--hidden=\"context.image.src\" \/>\n\t\t\t\t\t\t\t\t\t<\/figure>\n\t\t\t\t\t\t\t\t\t<div class=\"field-image-option__label-wrapper\">\n\t\t\t\t\t\t\t\t\t\t<span class=\"field-image-option__label-code\" data-wp-text=\"context.image.letterCode\"><\/span>\n\t\t\t\t\t\t\t\t\t\t<span class=\"field-image-option__label\" data-wp-text=\"context.image.label\" data-wp-bind--hidden=\"!context.image.label\"><\/span>\n\t\t\t\t\t\t\t\t\t<\/div>\n\t\t\t\t\t\t\t\t<\/div>\n\t\t\t\t\t\t\t<\/template>\n\t\t\t\t\t\t<\/div>\n\t\t\t\t\t\t<div class=\"field-files\" data-wp-bind--hidden=\"!context.submission.files\">\n\t\t\t\t\t\t\t<template data-wp-each--file=\"context.submission.files\">\n\t\t\t\t\t\t\t\t<div class=\"field-file\">\n\t\t\t\t\t\t\t\t\t<div class=\"field-file__thumbnail\" data-wp-style--background-image=\"context.file.previewUrl\" data-wp-style--mask-image=\"context.file.iconUrl\" data-wp-bind--hidden=\"!context.file.hasPreview\"><\/div>\n\t\t\t\t\t\t\t\t\t<svg class=\"field-file__icon\" data-wp-bind--hidden=\"context.file.hasPreview\" width=\"20\" height=\"20\" viewBox=\"0 0 24 24\" fill=\"none\" xmlns=\"http:\/\/www.w3.org\/2000\/svg\" aria-hidden=\"true\">\n\t\t\t\t\t\t\t\t\t\t<path d=\"M14 2H6C4.9 2 4 2.9 4 4V20C4 21.1 4.89 22 5.99 22H18C19.1 22 20 21.1 20 20V8L14 2ZM18 20H6V4H13V9H18V20Z\" fill=\"currentColor\"\/>\n\t\t\t\t\t\t\t\t\t<\/svg>\n\t\t\t\t\t\t\t\t\t<span class=\"field-file__name\" data-wp-text=\"context.file.name\"><\/span>\n\t\t\t\t\t\t\t\t\t<span class=\"field-file__size\" data-wp-text=\"context.file.size\"><\/span>\n\t\t\t\t\t\t\t\t<\/div>\n\t\t\t\t\t\t\t<\/template>\n\t\t\t\t\t\t<\/div>\n\t\t\t\t\t<\/div>\n\t\t\t\t<\/template><\/div><form action='https:\/\/itayachtscanada.com\/fr\/listing\/ferretti-custom-line-106-2023-10995000-usd-for-sale\/'\n\t\t\t\tid='jp-form-a0814feb4adcaf19b1d5747188e93dc0da82d349'\n\t\t\t\tmethod='post'\n\t\t\t\tclass='contact-form commentsblock jetpack-contact-form__form has-no-jetpack-form-layout' aria-label=\"{:en}Ferretti Custom Line 106 2023 $9,495,000 usd for sale{:}{:fr}Ferretti Custom Line 106 2023 $9,495,000 usd \u00e0 vendre{:}\"\n\t\t\t\tdata-wp-on--submit=\"actions.onFormSubmit\"\n\t\t\t\tdata-wp-on--reset=\"actions.onFormReset\"\n\t\t\t\tdata-wp-class--submission-success=\"context.submissionSuccess\"\n\t\t\t\tdata-wp-class--is-first-step=\"state.isFirstStep\"\n\t\t\t\tdata-wp-class--is-last-step=\"state.isLastStep\"\n\t\t\t\tdata-wp-class--is-ajax-form=\"context.useAjax\"\n\t\t\t\tnovalidate >\n<input type='hidden' name='jetpack_contact_form_jwt' value='eyJ0eXAiOiJKV1QiLCJhbGciOiJIUzI1NiJ9.eyJlbmNyeXB0ZWRfYXR0cmlidXRlcyI6IkNDbGpNb2IzaW0xYktQbllLWjhKaGdSd09pY25WRHgyV28yaHNNMjBYN2lWVUJWUUsweWdKSFBjYTB1akhvREV4WFoxajdNeS9HcFFodWY1UVZtWVBGVU1Ya2Nlbm1uNm9zZzZzak9wdHJkR05qSHYweFZjUktwOHdLUGlTRnRKa2MyQ0xiY1UxellRUVh5ZkE4dFc4bis2VTQwK1pYQloxTWhHcUQ3TDVxeEs4blJ0QWlGZGgwaVFRNVRmVDFzK1VYTi9tWnR3b2pZa1U1MjREcE00cy9JbzFkc0lEMnVmc01qdm8yUTY2a2VxZWZYcE9HdGNTWE9qQlhiUHlHeDFURFpLZ3dpcFYraWFLaU5NdzBvK3dmam9ISDJlQzVING9OR3dkekY5SE41LzR4NlRUbFlsaG9mRzNyU25WSEFtQk5Femw3VWF3RC9JNWVyRjBKVFd3SWE0bWNsaWxSREpxL2ZDZ09uM0FlajhEMWdPaGlNKzRTVDRYbWNLdTRvUXZYTkVuWUtWR0FOTVVuS095d2VqcDFSU1ZpK1lObzhtODFBYXh5TlpDcU9OTDd5NUIrQzFIVU5UOXBJQlpnK0hxZm1NYkQzeEVpaHdpdkl2QkpIT09UeE9qS2ZrYlIyc1BhK1YrSlE3SXVBSmVlNHR5S2hiTngxNTN1OXhVYkNrNXprdGdwOHpKWlJLRW9mZWRKTGc1cGtRN3hib2lmZXBMMzhIRWsxcE1vZ1VVNDJIUkdtTTg0cnFsS3BzNjhLNEhQbFFVZ0lFQ0c4NVNGeDZaQmNqYUVERVF3YjlKbW9BR3JydkY5Y3FmUGlRa09vbVVhenBzbURTbVJrNTBtWVZQMFFjREN5L1YwQllXdnAvUlFmQmlYQTFlanRuZzRXa2YvVVhjN3E4OFIyU1dmZi9NZGJTS3hJajlwN013Y3BoaWk3SXYwdFpZcTF0aXlqMWErZGN3Y2dqTG81RUpRWlovZ2kvZ2dmdmVGMWFZMnR3b0F5T2J1eXp1WjF0bHhtUkE4Unh3ajk3Z0txanNUWFc4TUF6L2g3djgxaDFPa0grblJIYmhPUXFnR3N2MWVFN0YwdEphWEQ4K0RTVnZEMExqN0UyR3VBeHcyUU1DU1hUWnZFQm9JTitYanJQaDNkNmNNb0tmQVRpeVVydDhnNVZadnVmd0ZNT0RkZTE1TTgvdmVmWmxUWWZyN1BnOHkrYUpQc3h5SnZFWFVMZ1o0Q1RGQzRWVWZPeGdPeHM2T1JESTh0dEthblpsVk9pT0pGdEkrZz0iLCJjb250ZW50IjoiW2NvbnRhY3QtZmllbGQgbGFiZWw9XCJOb206XCIgdHlwZT1cIm5hbWVcIiByZXF1aXJlZD1cIjFcIl1bY29udGFjdC1maWVsZCBsYWJlbD1cIkUtbWFpbFwiIHR5cGU9XCJlbWFpbFwiIHJlcXVpcmVkPVwiMVwiXVtjb250YWN0LWZpZWxkIGxhYmVsPVwiQXUgc3VqZXQgZGUgY2UgbWVnYXlhY2h0OiBcIiB0eXBlPVwidGV4dFwiXVtjb250YWN0LWZpZWxkIGxhYmVsPVwiTWVzc2FnZVwiIHR5cGU9XCJ0ZXh0YXJlYVwiXSIsImhhc2giOiJhMDgxNGZlYjRhZGNhZjE5YjFkNTc0NzE4OGU5M2RjMGRhODJkMzQ5Iiwic291cmNlIjp7ImVudHJ5X3RpdGxlIjoiRmVycmV0dGkgQ3VzdG9tIExpbmUgMTA2IDIwMjMgJDksNDk1LDAwMCB1c2QgXHUwMGUwIHZlbmRyZSIsImVudHJ5X3BhZ2UiOjEsInNvdXJjZV9pZCI6MTc1ODQwLCJzb3VyY2VfdHlwZSI6InNpbmdsZSIsInJlcXVlc3RfdXJsIjoiaHR0cHM6Ly9pdGF5YWNodHNjYW5hZGEuY29tL2ZyL3dwLWpzb24vd3AvdjIvbGlzdGluZy8xNzU4NDAifSwidmVyc2lvbiI6MiwiY2lwaGVyIjoiYWVzLTI1Ni1nY20ifQ.CZwywVEe9U743p-uSCOIzHYKLguZranZVLBQw58cCW8' \/>\n\n<div style=\"\"  data-wp-interactive=\"jetpack\/form\" data-wp-context='{\"fieldId\":\"g175840-nom\",\"fieldType\":\"name\",\"fieldLabel\":\"Nom:\",\"fieldValue\":\"\",\"fieldPlaceholder\":\"\",\"fieldIsRequired\":\"1\",\"fieldErrorMessage\":\"\",\"fieldExtra\":[],\"formHash\":\"a0814feb4adcaf19b1d5747188e93dc0da82d349\"}'  class='grunion-field-name-wrap grunion-field-wrap'  data-wp-init='callbacks.initializeField' data-wp-on--jetpack-form-reset='callbacks.initializeField' >\n<label\n\t\t\t\tfor='g175840-nom' class=\"grunion-field-label name\" >Nom:<span class=\"grunion-label-required\" aria-hidden=\"true\">(obligatoire)<\/span><\/label>\n<input\n\t\t\t\t\ttype='text'\n\t\t\t\t\tname='g175840-nom'\n\t\t\t\t\tid='g175840-nom'\n\t\t\t\t\tvalue=''\n\n\t\t\t\t\tdata-wp-bind--aria-invalid='state.fieldAriaInvalid'\n\t\t\t\t\tdata-wp-bind--value='state.getFieldValue'\n\t\t\t\t\taria-describedby='g175840-nom-text-error-message'\n\t\t\t\t\tdata-wp-on--input='actions.onFieldChange'\n\t\t\t\t\tdata-wp-on--blur='actions.onFieldBlur'\n\t\t\t\t\tdata-wp-class--has-value='state.hasFieldValue'\n\n\t\t\t\t\tclass='name  grunion-field' \n\t\t\t\t\trequired='true' aria-required='true'  \/>\n \n\t\t\t<div id=\"g175840-nom-text-error\" class=\"contact-form__input-error\" data-wp-class--has-errors=\"state.fieldHasErrors\">\n\t\t\t\t<span class=\"contact-form__warning-icon\" aria-hidden=\"true\">\n\t\t\t\t\t<svg width=\"16\" height=\"16\" viewBox=\"0 0 16 16\" fill=\"none\" xmlns=\"http:\/\/www.w3.org\/2000\/svg\">\n\t\t\t\t\t\t<path d=\"M8.50015 11.6402H7.50015V10.6402H8.50015V11.6402Z\" \/>\n\t\t\t\t\t\t<path d=\"M7.50015 9.64018H8.50015V6.30684H7.50015V9.64018Z\" \/>\n\t\t\t\t\t\t<path fill-rule=\"evenodd\" clip-rule=\"evenodd\" d=\"M6.98331 3.0947C7.42933 2.30177 8.57096 2.30177 9.01698 3.09469L13.8771 11.7349C14.3145 12.5126 13.7525 13.4735 12.8602 13.4735H3.14004C2.24774 13.4735 1.68575 12.5126 2.12321 11.7349L6.98331 3.0947ZM8.14541 3.58496C8.08169 3.47168 7.9186 3.47168 7.85488 3.58496L2.99478 12.2251C2.93229 12.3362 3.01257 12.4735 3.14004 12.4735H12.8602C12.9877 12.4735 13.068 12.3362 13.0055 12.2251L8.14541 3.58496Z\" \/>\n\t\t\t\t\t<\/svg>\n\t\t\t\t<\/span>\n\t\t\t\t<span data-wp-text=\"state.errorMessage\" id=\"g175840-nom-text-error-message\"><\/span>\n\t\t\t<\/div> \n\t<\/div>\n\n<div style=\"\"  data-wp-interactive=\"jetpack\/form\" data-wp-context='{\"fieldId\":\"g175840-email\",\"fieldType\":\"email\",\"fieldLabel\":\"E-mail\",\"fieldValue\":\"\",\"fieldPlaceholder\":\"\",\"fieldIsRequired\":\"1\",\"fieldErrorMessage\":\"\",\"fieldExtra\":[],\"formHash\":\"a0814feb4adcaf19b1d5747188e93dc0da82d349\"}'  class='grunion-field-email-wrap grunion-field-wrap'  data-wp-init='callbacks.initializeField' data-wp-on--jetpack-form-reset='callbacks.initializeField' >\n<label\n\t\t\t\tfor='g175840-email' class=\"grunion-field-label email\" >E-mail<span class=\"grunion-label-required\" aria-hidden=\"true\">(obligatoire)<\/span><\/label>\n<input\n\t\t\t\t\ttype='email'\n\t\t\t\t\tname='g175840-email'\n\t\t\t\t\tid='g175840-email'\n\t\t\t\t\tvalue=''\n\n\t\t\t\t\tdata-wp-bind--aria-invalid='state.fieldAriaInvalid'\n\t\t\t\t\tdata-wp-bind--value='state.getFieldValue'\n\t\t\t\t\taria-describedby='g175840-email-email-error-message'\n\t\t\t\t\tdata-wp-on--input='actions.onFieldChange'\n\t\t\t\t\tdata-wp-on--blur='actions.onFieldBlur'\n\t\t\t\t\tdata-wp-class--has-value='state.hasFieldValue'\n\n\t\t\t\t\tclass='email  grunion-field' \n\t\t\t\t\trequired='true' aria-required='true'  \/>\n \n\t\t\t<div id=\"g175840-email-email-error\" class=\"contact-form__input-error\" data-wp-class--has-errors=\"state.fieldHasErrors\">\n\t\t\t\t<span class=\"contact-form__warning-icon\" aria-hidden=\"true\">\n\t\t\t\t\t<svg width=\"16\" height=\"16\" viewBox=\"0 0 16 16\" fill=\"none\" xmlns=\"http:\/\/www.w3.org\/2000\/svg\">\n\t\t\t\t\t\t<path d=\"M8.50015 11.6402H7.50015V10.6402H8.50015V11.6402Z\" \/>\n\t\t\t\t\t\t<path d=\"M7.50015 9.64018H8.50015V6.30684H7.50015V9.64018Z\" \/>\n\t\t\t\t\t\t<path fill-rule=\"evenodd\" clip-rule=\"evenodd\" d=\"M6.98331 3.0947C7.42933 2.30177 8.57096 2.30177 9.01698 3.09469L13.8771 11.7349C14.3145 12.5126 13.7525 13.4735 12.8602 13.4735H3.14004C2.24774 13.4735 1.68575 12.5126 2.12321 11.7349L6.98331 3.0947ZM8.14541 3.58496C8.08169 3.47168 7.9186 3.47168 7.85488 3.58496L2.99478 12.2251C2.93229 12.3362 3.01257 12.4735 3.14004 12.4735H12.8602C12.9877 12.4735 13.068 12.3362 13.0055 12.2251L8.14541 3.58496Z\" \/>\n\t\t\t\t\t<\/svg>\n\t\t\t\t<\/span>\n\t\t\t\t<span data-wp-text=\"state.errorMessage\" id=\"g175840-email-email-error-message\"><\/span>\n\t\t\t<\/div> \n\t<\/div>\n\n<div style=\"\"  data-wp-interactive=\"jetpack\/form\" data-wp-context='{\"fieldId\":\"g175840-ausujetdecemegayacht\",\"fieldType\":\"text\",\"fieldLabel\":\"Au sujet de ce megayacht: \",\"fieldValue\":\"\",\"fieldPlaceholder\":\"\",\"fieldIsRequired\":\"\",\"fieldErrorMessage\":\"\",\"fieldExtra\":[],\"formHash\":\"a0814feb4adcaf19b1d5747188e93dc0da82d349\"}'  class='grunion-field-text-wrap grunion-field-wrap'  data-wp-init='callbacks.initializeField' data-wp-on--jetpack-form-reset='callbacks.initializeField' >\n<label\n\t\t\t\tfor='g175840-ausujetdecemegayacht' class=\"grunion-field-label text\" >Au sujet de ce megayacht: <\/label>\n<input\n\t\t\t\t\ttype='text'\n\t\t\t\t\tname='g175840-ausujetdecemegayacht'\n\t\t\t\t\tid='g175840-ausujetdecemegayacht'\n\t\t\t\t\tvalue=''\n\n\t\t\t\t\tdata-wp-bind--aria-invalid='state.fieldAriaInvalid'\n\t\t\t\t\tdata-wp-bind--value='state.getFieldValue'\n\t\t\t\t\taria-describedby='g175840-ausujetdecemegayacht-text-error-message'\n\t\t\t\t\tdata-wp-on--input='actions.onFieldChange'\n\t\t\t\t\tdata-wp-on--blur='actions.onFieldBlur'\n\t\t\t\t\tdata-wp-class--has-value='state.hasFieldValue'\n\n\t\t\t\t\tclass='text  grunion-field' \n\t\t\t\t\t \/>\n \n\t\t\t<div id=\"g175840-ausujetdecemegayacht-text-error\" class=\"contact-form__input-error\" data-wp-class--has-errors=\"state.fieldHasErrors\">\n\t\t\t\t<span class=\"contact-form__warning-icon\" aria-hidden=\"true\">\n\t\t\t\t\t<svg width=\"16\" height=\"16\" viewBox=\"0 0 16 16\" fill=\"none\" xmlns=\"http:\/\/www.w3.org\/2000\/svg\">\n\t\t\t\t\t\t<path d=\"M8.50015 11.6402H7.50015V10.6402H8.50015V11.6402Z\" \/>\n\t\t\t\t\t\t<path d=\"M7.50015 9.64018H8.50015V6.30684H7.50015V9.64018Z\" \/>\n\t\t\t\t\t\t<path fill-rule=\"evenodd\" clip-rule=\"evenodd\" d=\"M6.98331 3.0947C7.42933 2.30177 8.57096 2.30177 9.01698 3.09469L13.8771 11.7349C14.3145 12.5126 13.7525 13.4735 12.8602 13.4735H3.14004C2.24774 13.4735 1.68575 12.5126 2.12321 11.7349L6.98331 3.0947ZM8.14541 3.58496C8.08169 3.47168 7.9186 3.47168 7.85488 3.58496L2.99478 12.2251C2.93229 12.3362 3.01257 12.4735 3.14004 12.4735H12.8602C12.9877 12.4735 13.068 12.3362 13.0055 12.2251L8.14541 3.58496Z\" \/>\n\t\t\t\t\t<\/svg>\n\t\t\t\t<\/span>\n\t\t\t\t<span data-wp-text=\"state.errorMessage\" id=\"g175840-ausujetdecemegayacht-text-error-message\"><\/span>\n\t\t\t<\/div> \n\t<\/div>\n\n<div style=\"\"  data-wp-interactive=\"jetpack\/form\" data-wp-context='{\"fieldId\":\"g175840-message\",\"fieldType\":\"textarea\",\"fieldLabel\":\"Message\",\"fieldValue\":\"\",\"fieldPlaceholder\":\"\",\"fieldIsRequired\":\"\",\"fieldErrorMessage\":\"\",\"fieldExtra\":[],\"formHash\":\"a0814feb4adcaf19b1d5747188e93dc0da82d349\"}'  class='grunion-field-textarea-wrap grunion-field-wrap'  data-wp-init='callbacks.initializeField' data-wp-on--jetpack-form-reset='callbacks.initializeField' >\n<label\n\t\t\t\tfor='contact-form-comment-g175840-message' class=\"grunion-field-label textarea\" >Message<\/label>\n<textarea\n\t\t                style=''\n\t\t                name='g175840-message'\n\t\t                id='contact-form-comment-g175840-message'\n\t\t                rows='20'\n\t\t\t\t\t\tdata-wp-text='state.getFieldValue'\n\t\t\t\t\t\tdata-wp-on--input='actions.onFieldChange'\n\t\t\t\t\t\tdata-wp-on--blur='actions.onFieldBlur'\n\t\t\t\t\t\tdata-wp-class--has-value='state.hasFieldValue'\n\t\t\t\t\t\taria-describedby='g175840-message-textarea-error-message'\n\t\t\t\t\t\tdata-wp-bind--aria-invalid='state.fieldAriaInvalid'\n\t\t\t\t\t\tclass='textarea  grunion-field'  ><\/textarea>\n \n\t\t\t<div id=\"g175840-message-textarea-error\" class=\"contact-form__input-error\" data-wp-class--has-errors=\"state.fieldHasErrors\">\n\t\t\t\t<span class=\"contact-form__warning-icon\" aria-hidden=\"true\">\n\t\t\t\t\t<svg width=\"16\" height=\"16\" viewBox=\"0 0 16 16\" fill=\"none\" xmlns=\"http:\/\/www.w3.org\/2000\/svg\">\n\t\t\t\t\t\t<path d=\"M8.50015 11.6402H7.50015V10.6402H8.50015V11.6402Z\" \/>\n\t\t\t\t\t\t<path d=\"M7.50015 9.64018H8.50015V6.30684H7.50015V9.64018Z\" \/>\n\t\t\t\t\t\t<path fill-rule=\"evenodd\" clip-rule=\"evenodd\" d=\"M6.98331 3.0947C7.42933 2.30177 8.57096 2.30177 9.01698 3.09469L13.8771 11.7349C14.3145 12.5126 13.7525 13.4735 12.8602 13.4735H3.14004C2.24774 13.4735 1.68575 12.5126 2.12321 11.7349L6.98331 3.0947ZM8.14541 3.58496C8.08169 3.47168 7.9186 3.47168 7.85488 3.58496L2.99478 12.2251C2.93229 12.3362 3.01257 12.4735 3.14004 12.4735H12.8602C12.9877 12.4735 13.068 12.3362 13.0055 12.2251L8.14541 3.58496Z\" \/>\n\t\t\t\t\t<\/svg>\n\t\t\t\t<\/span>\n\t\t\t\t<span data-wp-text=\"state.errorMessage\" id=\"g175840-message-textarea-error-message\"><\/span>\n\t\t\t<\/div>\n\t<\/div>\n\t<p class='contact-submit'>\n<div class=\"contact-form__error\" data-wp-class--show-errors=\"state.showFormErrors\"><span class=\"contact-form__warning-icon\" aria-hidden=\"true\"><i><\/i><\/span><span class=\"contact-form__error-message\" tabindex=\"-1\" data-wp-watch=\"callbacks.focusOnValidationError\" data-wp-text=\"state.getFormErrorMessage\"><\/span><ul aria-label=\"Erreurs de formulaire\">\n\t\t\t\t<template data-wp-each=\"state.getErrorList\" data-wp-key=\"context.item.id\">\n\t\t\t\t\t<li><a data-wp-bind--href=\"context.item.anchor\" data-wp-on--click=\"actions.scrollIntoView\" data-wp-text=\"context.item.label\"><\/a><\/li>\n\t\t\t\t<\/template>\n\t\t\t\t<\/ul><\/div><div class=\"contact-form__error\" data-wp-class--show-errors=\"state.showSubmissionError\" data-wp-text=\"context.submissionError\" tabindex=\"-1\" data-wp-watch=\"callbacks.focusOnSubmissionError\"><\/div>\t\t<button type='submit' class='pushbutton-wide'>Envoyer<\/button>\t\t<input type='hidden' name='contact-form-id' value='175840' \/>\n\t\t<input type='hidden' name='action' value='grunion-contact-form' \/>\n\t\t<input type='hidden' name='contact-form-hash' value='a0814feb4adcaf19b1d5747188e93dc0da82d349' \/>\n\t<\/p>\n<p style=\"display: none !important;\" class=\"akismet-fields-container\" data-prefix=\"ak_\"><label>&#916;<textarea name=\"ak_hp_textarea\" cols=\"45\" rows=\"8\" maxlength=\"100\"><\/textarea><\/label><input type=\"hidden\" id=\"ak_js_1\" name=\"ak_js\" value=\"171\"\/><script type=\"text\/javascript\">\n\/* <![CDATA[ *\/\ndocument.getElementById( \"ak_js_1\" ).setAttribute( \"value\", ( new Date() ).getTime() );\n\/* ]]> *\/\n<\/script>\n<\/p><\/form>\n<\/div>\n<p>&nbsp;<\/p>\n<p>&nbsp;<\/p>\n<\/div>\n<\/div>\n","protected":false},"excerpt":{"rendered":"<p>OFF MARKET (pr\u00e9sentement retir\u00e9 de la vente) Ferretti Custom Line 106 2023 $9,495,000 usd \u00e0 vendre *Parfait \u00e9tat, jamais utilis\u00e9 * Seulement 80 heures * Garantie compl\u00e8te disponible Ce superbe 2023 Custom Line 106 est un chef-d&rsquo;\u0153uvre du design et de l&rsquo;ing\u00e9nierie italiens. Avec seulement 80 heures de moteur et n&rsquo;ayant jamais \u00e9t\u00e9 utilis\u00e9, ce &hellip; <a href=\"https:\/\/itayachtscanada.com\/fr\/listing\/ferretti-custom-line-106-2023-10995000-usd-for-sale\/\" class=\"more-link\">Lire la suite <span class=\"screen-reader-text\">Ferretti Custom Line 106 2023 $9,495,000 usd \u00e0 vendre<\/span> <span class=\"meta-nav\">&rarr;<\/span><\/a><\/p>\n","protected":false},"author":119081455,"featured_media":175844,"parent":0,"menu_order":0,"comment_status":"open","ping_status":"open","template":"","format":"standard","meta":{"_coblocks_attr":"","_coblocks_dimensions":"","_coblocks_responsive_height":"","_coblocks_accordion_ie_support":"","_lmt_disableupdate":"no","_lmt_disable":"no","advanced_seo_description":"","jetpack_seo_html_title":"","jetpack_seo_noindex":false,"footnotes":""},"manufacturer":[6434],"prix":[6830],"years":[6465],"length_feet":[6592],"boat_type":[6466],"price_range":[6584],"localisations":[],"numyacht":[9725,9853],"datevente":[10460,10586,10706,11003,11167,11272],"country":[10755],"states":[10770],"city":[10841],"fresh-water-boat":[10809],"broker":[],"migration":[10888],"class_list":["post-175840","listing","type-listing","status-publish","format-standard","has-post-thumbnail","hentry","manufacturer-ferretti","prix-6830","years-6465","length_feet-more-than-100-feets","boat_type-megayacht","price_range-10000000-more","numyacht-9725","numyacht-9853","datevente-2025-06-21","datevente-2025-08-17","datevente-2025-10-15","datevente-2025-12-11","datevente-2026-02-08","datevente-2026-04-07","country-united-states","states-floride","city-miami","fresh-water-boat-non","migration-non"],"translation":{"provider":"WPGlobus","version":"2.12.2","language":"fr","enabled_languages":["en","fr"],"languages":{"en":{"title":true,"content":true,"excerpt":false},"fr":{"title":true,"content":true,"excerpt":false}}},"jetpack_likes_enabled":true,"jetpack_sharing_enabled":true,"_links":{"self":[{"href":"https:\/\/itayachtscanada.com\/fr\/wp-json\/wp\/v2\/listing\/175840","targetHints":{"allow":["GET"]}}],"collection":[{"href":"https:\/\/itayachtscanada.com\/fr\/wp-json\/wp\/v2\/listing"}],"about":[{"href":"https:\/\/itayachtscanada.com\/fr\/wp-json\/wp\/v2\/types\/listing"}],"author":[{"embeddable":true,"href":"https:\/\/itayachtscanada.com\/fr\/wp-json\/wp\/v2\/users\/119081455"}],"replies":[{"embeddable":true,"href":"https:\/\/itayachtscanada.com\/fr\/wp-json\/wp\/v2\/comments?post=175840"}],"version-history":[{"count":15,"href":"https:\/\/itayachtscanada.com\/fr\/wp-json\/wp\/v2\/listing\/175840\/revisions"}],"predecessor-version":[{"id":299186,"href":"https:\/\/itayachtscanada.com\/fr\/wp-json\/wp\/v2\/listing\/175840\/revisions\/299186"}],"wp:featuredmedia":[{"embeddable":true,"href":"https:\/\/itayachtscanada.com\/fr\/wp-json\/wp\/v2\/media\/175844"}],"wp:attachment":[{"href":"https:\/\/itayachtscanada.com\/fr\/wp-json\/wp\/v2\/media?parent=175840"}],"wp:term":[{"taxonomy":"manufacturer","embeddable":true,"href":"https:\/\/itayachtscanada.com\/fr\/wp-json\/wp\/v2\/manufacturer?post=175840"},{"taxonomy":"prix","embeddable":true,"href":"https:\/\/itayachtscanada.com\/fr\/wp-json\/wp\/v2\/prix?post=175840"},{"taxonomy":"years","embeddable":true,"href":"https:\/\/itayachtscanada.com\/fr\/wp-json\/wp\/v2\/years?post=175840"},{"taxonomy":"length_feet","embeddable":true,"href":"https:\/\/itayachtscanada.com\/fr\/wp-json\/wp\/v2\/length_feet?post=175840"},{"taxonomy":"boat_type","embeddable":true,"href":"https:\/\/itayachtscanada.com\/fr\/wp-json\/wp\/v2\/boat_type?post=175840"},{"taxonomy":"price_range","embeddable":true,"href":"https:\/\/itayachtscanada.com\/fr\/wp-json\/wp\/v2\/price_range?post=175840"},{"taxonomy":"localisations","embeddable":true,"href":"https:\/\/itayachtscanada.com\/fr\/wp-json\/wp\/v2\/localisations?post=175840"},{"taxonomy":"numyacht","embeddable":true,"href":"https:\/\/itayachtscanada.com\/fr\/wp-json\/wp\/v2\/numyacht?post=175840"},{"taxonomy":"datevente","embeddable":true,"href":"https:\/\/itayachtscanada.com\/fr\/wp-json\/wp\/v2\/datevente?post=175840"},{"taxonomy":"country","embeddable":true,"href":"https:\/\/itayachtscanada.com\/fr\/wp-json\/wp\/v2\/country?post=175840"},{"taxonomy":"states","embeddable":true,"href":"https:\/\/itayachtscanada.com\/fr\/wp-json\/wp\/v2\/states?post=175840"},{"taxonomy":"city","embeddable":true,"href":"https:\/\/itayachtscanada.com\/fr\/wp-json\/wp\/v2\/city?post=175840"},{"taxonomy":"fresh-water-boat","embeddable":true,"href":"https:\/\/itayachtscanada.com\/fr\/wp-json\/wp\/v2\/fresh-water-boat?post=175840"},{"taxonomy":"broker","embeddable":true,"href":"https:\/\/itayachtscanada.com\/fr\/wp-json\/wp\/v2\/broker?post=175840"},{"taxonomy":"migration","embeddable":true,"href":"https:\/\/itayachtscanada.com\/fr\/wp-json\/wp\/v2\/migration?post=175840"}],"curies":[{"name":"wp","href":"https:\/\/api.w.org\/{rel}","templated":true}]}}