{"id":173545,"date":"2024-08-15T16:03:35","date_gmt":"2024-08-15T20:03:35","guid":{"rendered":"https:\/\/itayachtscanada.com\/?post_type=listing&#038;p=173545"},"modified":"2026-04-11T09:02:41","modified_gmt":"2026-04-11T13:02:41","slug":"riva-90-argo-2023-9950000-usd-for-sale","status":"publish","type":"listing","link":"https:\/\/itayachtscanada.com\/fr\/listing\/riva-90-argo-2023-9950000-usd-for-sale\/","title":{"rendered":"Riva 90 Argo 2023 $7,600,000 usd \u00e0 vendre"},"content":{"rendered":"<p>OFF MARKET (pr\u00e9sentement retir\u00e9 de la vente)<\/p>\n<p><strong>Riva 90 Argo 2023 $7,600,000 usd \u00e0 vendre<\/strong><\/p>\n<p>Ce 90 Riva a \u00e9t\u00e9 r\u00e9cemment \u00e9chang\u00e9 \u00e0 Ferretti Group pour un Riva plus grand.<\/p>\n<p>Il s&rsquo;agit de la coque n\u00b021 de la s\u00e9rie \u00e0 succ\u00e8s 90 Riva Argo construite au chantier naval Ferretti Group- Riva \u00e0 La Spezia, en Italie.<\/p>\n<p>Description fournie par le constructeur<\/p>\n<p>90&prime; Argo est un exemple unique de la nouvelle g\u00e9n\u00e9ration de flybridges Riva.<br \/>\nAvec un design futuriste, un nom qui \u00e9voque l&rsquo;\u00e9toffe d&rsquo;une l\u00e9gende et une gamme supr\u00eame de solutions de haute technologie \u00e0 bord, cette cr\u00e9ation d&rsquo;une beaut\u00e9 magn\u00e9tique est une \u00e9toile sans pareille dans le firmament du yachting mondial.<br \/>\nSon design avant-gardiste, imm\u00e9diatement reconnaissable, d\u00e9fini par des lignes fluides et sportives, lui conf\u00e8re un profil fluide et puissant qui capte l&rsquo;attention de mani\u00e8re irr\u00e9sistible. Et dans un somptueux triomphe d&rsquo;\u00e9l\u00e9gance et de confort, les espaces g\u00e9n\u00e9reux compl\u00e8tent le style incomparable de Riva avec des contributions des noms les plus prestigieux du design int\u00e9rieur italien.<\/p>\n<h3>Ce Riva 90 Argo est situ\u00e9 en Floride, veuillez nous contacter au 514-521-1221 pour tous les d\u00e9tails concernant ce Riva Yachts 90 Argo, notre bureau est situ\u00e9 en banlieue de Montr\u00e9al.<\/h3>\n<p><a href=\"https:\/\/itayachtscanada.com\/fr\/virtuals_visits\/riva-yacht-90-argo\/\">Cliquez ici<\/a> pour une visite virtuelle de Riva 90 Argo.<\/p>\n<p>Dimensions du bateau<br \/>\nLongueur hors tout : 90 pieds<br \/>\nLargeur : 21 pi 4 po<br \/>\nTirant d&rsquo;eau maximum : 7 pi<br \/>\nVitesse<br \/>\nVitesse de croisi\u00e8re : 22 noeuds en r\u00e9gime de croisi\u00e8re<br \/>\nVitesse de coque : 26 kn \u00e0 tr\/min<br \/>\nRayon d&rsquo;action : 320 nmi<br \/>\nH\u00e9bergement<br \/>\nCabines invit\u00e9s : 4<br \/>\nCabines d&rsquo;\u00e9quipage : 2<br \/>\nSalles de bain invit\u00e9s : 4<\/p>\n<p>&nbsp;<\/p>\n<p>MOTEURS :<\/p>\n<p>MTU 12V 2000 M96L (Moteur 1)<br \/>\nType de moteur : Inboard<br \/>\nType de carburant : Diesel<br \/>\nNombre d&rsquo;heures 900<br \/>\nPuissance : 1948 hp<\/p>\n<p>MTU 12V 2000 M96L (moteur 2)<br \/>\nType de moteur : Inboard<br \/>\nType de carburant : Diesel<br \/>\nNombre d&rsquo;heures 900<br \/>\nPuissance : 1948 hp<\/p>\n<p>&nbsp;<\/p>\n<p>&nbsp;<\/p>\n<div>\n<div class=\"html-content-description\">\n<div class=\"content-box\">\n<div class=\"column-container cols-3\">\n<div class=\"column\">\n<div class=\"column-item\">\n<div class=\"content-box\">\n<div class=\"column-container cols-3\">\n<div class=\"column\">\n<div class=\"column-item\">\n<div><\/div>\n<div>\n<div class=\"tiled-gallery type-rectangular tiled-gallery-unresized\" data-original-width=\"700\" data-carousel-extra='{&quot;blog_id&quot;:1,&quot;permalink&quot;:&quot;https:\\\/\\\/itayachtscanada.com\\\/fr\\\/listing\\\/riva-90-argo-2023-9950000-usd-for-sale\\\/&quot;,&quot;likes_blog_id&quot;:198557287}' itemscope itemtype=\"http:\/\/schema.org\/ImageGallery\" > <div class=\"gallery-row\" style=\"width: 700px; height: 196px;\" data-original-width=\"700\" data-original-height=\"196\" > <div class=\"gallery-group images-1\" style=\"width: 350px; height: 196px;\" data-original-width=\"350\" data-original-height=\"196\" > <div class=\"tiled-gallery-item tiled-gallery-item-large\" itemprop=\"associatedMedia\" itemscope itemtype=\"http:\/\/schema.org\/ImageObject\"> <a href=\"https:\/\/itayachtscanada.com\/fr\/listing\/riva-90-argo-2023-9950000-usd-for-sale\/capture-decran-le-2025-01-07-a-11-49-29\/\" border=\"0\" itemprop=\"url\"> <meta itemprop=\"width\" content=\"346\"> <meta itemprop=\"height\" content=\"192\"> <img decoding=\"async\" class=\"\" data-attachment-id=\"198090\" data-orig-file=\"https:\/\/itayachtscanada.com\/wp-content\/uploads\/2024\/08\/Capture-decran-le-2025-01-07-a-11.49.29.jpg\" data-orig-size=\"1670,926\" data-comments-opened=\"1\" data-image-meta=\"{&quot;aperture&quot;:&quot;0&quot;,&quot;credit&quot;:&quot;&quot;,&quot;camera&quot;:&quot;&quot;,&quot;caption&quot;:&quot;&quot;,&quot;created_timestamp&quot;:&quot;0&quot;,&quot;copyright&quot;:&quot;&quot;,&quot;focal_length&quot;:&quot;0&quot;,&quot;iso&quot;:&quot;0&quot;,&quot;shutter_speed&quot;:&quot;0&quot;,&quot;title&quot;:&quot;&quot;,&quot;orientation&quot;:&quot;0&quot;}\" data-image-title=\"Capture d\u2019e\u0301cran, le 2025-01-07 a\u0300 11.49.29\" data-image-description=\"\" data-medium-file=\"https:\/\/i0.wp.com\/itayachtscanada.com\/wp-content\/uploads\/2024\/08\/Capture-decran-le-2025-01-07-a-11.49.29.jpg?fit=300%2C166&#038;ssl=1\" data-large-file=\"https:\/\/i0.wp.com\/itayachtscanada.com\/wp-content\/uploads\/2024\/08\/Capture-decran-le-2025-01-07-a-11.49.29.jpg?fit=700%2C388&#038;ssl=1\" src=\"https:\/\/i0.wp.com\/itayachtscanada.com\/wp-content\/uploads\/2024\/08\/Capture-decran-le-2025-01-07-a-11.49.29.jpg?w=346&#038;h=192&#038;ssl=1\" srcset=\"https:\/\/i0.wp.com\/itayachtscanada.com\/wp-content\/uploads\/2024\/08\/Capture-decran-le-2025-01-07-a-11.49.29.jpg?w=1670&amp;ssl=1 1670w, https:\/\/i0.wp.com\/itayachtscanada.com\/wp-content\/uploads\/2024\/08\/Capture-decran-le-2025-01-07-a-11.49.29.jpg?resize=300%2C166&amp;ssl=1 300w, https:\/\/i0.wp.com\/itayachtscanada.com\/wp-content\/uploads\/2024\/08\/Capture-decran-le-2025-01-07-a-11.49.29.jpg?resize=1024%2C568&amp;ssl=1 1024w, https:\/\/i0.wp.com\/itayachtscanada.com\/wp-content\/uploads\/2024\/08\/Capture-decran-le-2025-01-07-a-11.49.29.jpg?resize=768%2C426&amp;ssl=1 768w, https:\/\/i0.wp.com\/itayachtscanada.com\/wp-content\/uploads\/2024\/08\/Capture-decran-le-2025-01-07-a-11.49.29.jpg?resize=1536%2C852&amp;ssl=1 1536w, https:\/\/i0.wp.com\/itayachtscanada.com\/wp-content\/uploads\/2024\/08\/Capture-decran-le-2025-01-07-a-11.49.29.jpg?resize=700%2C388&amp;ssl=1 700w, https:\/\/i0.wp.com\/itayachtscanada.com\/wp-content\/uploads\/2024\/08\/Capture-decran-le-2025-01-07-a-11.49.29.jpg?resize=721%2C400&amp;ssl=1 721w, https:\/\/i0.wp.com\/itayachtscanada.com\/wp-content\/uploads\/2024\/08\/Capture-decran-le-2025-01-07-a-11.49.29.jpg?w=1400&amp;ssl=1 1400w\" width=\"346\" height=\"192\" loading=\"lazy\" data-original-width=\"346\" data-original-height=\"192\" itemprop=\"http:\/\/schema.org\/image\" title=\"Capture d\u2019e\u0301cran, le 2025-01-07 a\u0300 11.49.29\" alt=\"Capture d\u2019e\u0301cran, le 2025-01-07 a\u0300 11.49.29\" style=\"width: 346px; height: 192px;\" \/> <\/a> <\/div> <\/div> <!-- close group --> <div class=\"gallery-group images-1\" style=\"width: 350px; height: 196px;\" data-original-width=\"350\" data-original-height=\"196\" > <div class=\"tiled-gallery-item tiled-gallery-item-large\" itemprop=\"associatedMedia\" itemscope itemtype=\"http:\/\/schema.org\/ImageObject\"> <a href=\"https:\/\/itayachtscanada.com\/fr\/listing\/riva-90-argo-2023-9950000-usd-for-sale\/capture-decran-le-2025-01-07-a-11-49-39\/\" border=\"0\" itemprop=\"url\"> <meta itemprop=\"width\" content=\"346\"> <meta itemprop=\"height\" content=\"192\"> <img decoding=\"async\" class=\"\" data-attachment-id=\"198088\" data-orig-file=\"https:\/\/itayachtscanada.com\/wp-content\/uploads\/2024\/08\/Capture-decran-le-2025-01-07-a-11.49.39.jpg\" data-orig-size=\"1670,926\" data-comments-opened=\"1\" data-image-meta=\"{&quot;aperture&quot;:&quot;0&quot;,&quot;credit&quot;:&quot;&quot;,&quot;camera&quot;:&quot;&quot;,&quot;caption&quot;:&quot;&quot;,&quot;created_timestamp&quot;:&quot;0&quot;,&quot;copyright&quot;:&quot;&quot;,&quot;focal_length&quot;:&quot;0&quot;,&quot;iso&quot;:&quot;0&quot;,&quot;shutter_speed&quot;:&quot;0&quot;,&quot;title&quot;:&quot;&quot;,&quot;orientation&quot;:&quot;0&quot;}\" data-image-title=\"Capture d\u2019e\u0301cran, le 2025-01-07 a\u0300 11.49.39\" data-image-description=\"\" data-medium-file=\"https:\/\/i0.wp.com\/itayachtscanada.com\/wp-content\/uploads\/2024\/08\/Capture-decran-le-2025-01-07-a-11.49.39.jpg?fit=300%2C166&#038;ssl=1\" data-large-file=\"https:\/\/i0.wp.com\/itayachtscanada.com\/wp-content\/uploads\/2024\/08\/Capture-decran-le-2025-01-07-a-11.49.39.jpg?fit=700%2C388&#038;ssl=1\" src=\"https:\/\/i0.wp.com\/itayachtscanada.com\/wp-content\/uploads\/2024\/08\/Capture-decran-le-2025-01-07-a-11.49.39.jpg?w=346&#038;h=192&#038;ssl=1\" srcset=\"https:\/\/i0.wp.com\/itayachtscanada.com\/wp-content\/uploads\/2024\/08\/Capture-decran-le-2025-01-07-a-11.49.39.jpg?w=1670&amp;ssl=1 1670w, https:\/\/i0.wp.com\/itayachtscanada.com\/wp-content\/uploads\/2024\/08\/Capture-decran-le-2025-01-07-a-11.49.39.jpg?resize=300%2C166&amp;ssl=1 300w, https:\/\/i0.wp.com\/itayachtscanada.com\/wp-content\/uploads\/2024\/08\/Capture-decran-le-2025-01-07-a-11.49.39.jpg?resize=1024%2C568&amp;ssl=1 1024w, https:\/\/i0.wp.com\/itayachtscanada.com\/wp-content\/uploads\/2024\/08\/Capture-decran-le-2025-01-07-a-11.49.39.jpg?resize=768%2C426&amp;ssl=1 768w, https:\/\/i0.wp.com\/itayachtscanada.com\/wp-content\/uploads\/2024\/08\/Capture-decran-le-2025-01-07-a-11.49.39.jpg?resize=1536%2C852&amp;ssl=1 1536w, https:\/\/i0.wp.com\/itayachtscanada.com\/wp-content\/uploads\/2024\/08\/Capture-decran-le-2025-01-07-a-11.49.39.jpg?resize=700%2C388&amp;ssl=1 700w, https:\/\/i0.wp.com\/itayachtscanada.com\/wp-content\/uploads\/2024\/08\/Capture-decran-le-2025-01-07-a-11.49.39.jpg?resize=721%2C400&amp;ssl=1 721w, https:\/\/i0.wp.com\/itayachtscanada.com\/wp-content\/uploads\/2024\/08\/Capture-decran-le-2025-01-07-a-11.49.39.jpg?w=1400&amp;ssl=1 1400w\" width=\"346\" height=\"192\" loading=\"lazy\" data-original-width=\"346\" data-original-height=\"192\" itemprop=\"http:\/\/schema.org\/image\" title=\"Capture d\u2019e\u0301cran, le 2025-01-07 a\u0300 11.49.39\" alt=\"Capture d\u2019e\u0301cran, le 2025-01-07 a\u0300 11.49.39\" style=\"width: 346px; height: 192px;\" \/> <\/a> <\/div> <\/div> <!-- close group --> <\/div> <!-- close row --> <div class=\"gallery-row\" style=\"width: 700px; height: 196px;\" data-original-width=\"700\" data-original-height=\"196\" > <div class=\"gallery-group images-1\" style=\"width: 350px; height: 196px;\" data-original-width=\"350\" data-original-height=\"196\" > <div class=\"tiled-gallery-item tiled-gallery-item-large\" itemprop=\"associatedMedia\" itemscope itemtype=\"http:\/\/schema.org\/ImageObject\"> <a href=\"https:\/\/itayachtscanada.com\/fr\/listing\/riva-90-argo-2023-9950000-usd-for-sale\/capture-decran-le-2025-01-07-a-11-49-34\/\" border=\"0\" itemprop=\"url\"> <meta itemprop=\"width\" content=\"346\"> <meta itemprop=\"height\" content=\"192\"> <img decoding=\"async\" class=\"\" data-attachment-id=\"198089\" data-orig-file=\"https:\/\/itayachtscanada.com\/wp-content\/uploads\/2024\/08\/Capture-decran-le-2025-01-07-a-11.49.34.jpg\" data-orig-size=\"1670,926\" data-comments-opened=\"1\" data-image-meta=\"{&quot;aperture&quot;:&quot;0&quot;,&quot;credit&quot;:&quot;&quot;,&quot;camera&quot;:&quot;&quot;,&quot;caption&quot;:&quot;&quot;,&quot;created_timestamp&quot;:&quot;0&quot;,&quot;copyright&quot;:&quot;&quot;,&quot;focal_length&quot;:&quot;0&quot;,&quot;iso&quot;:&quot;0&quot;,&quot;shutter_speed&quot;:&quot;0&quot;,&quot;title&quot;:&quot;&quot;,&quot;orientation&quot;:&quot;0&quot;}\" data-image-title=\"Capture d\u2019e\u0301cran, le 2025-01-07 a\u0300 11.49.34\" data-image-description=\"\" data-medium-file=\"https:\/\/i0.wp.com\/itayachtscanada.com\/wp-content\/uploads\/2024\/08\/Capture-decran-le-2025-01-07-a-11.49.34.jpg?fit=300%2C166&#038;ssl=1\" data-large-file=\"https:\/\/i0.wp.com\/itayachtscanada.com\/wp-content\/uploads\/2024\/08\/Capture-decran-le-2025-01-07-a-11.49.34.jpg?fit=700%2C388&#038;ssl=1\" src=\"https:\/\/i0.wp.com\/itayachtscanada.com\/wp-content\/uploads\/2024\/08\/Capture-decran-le-2025-01-07-a-11.49.34.jpg?w=346&#038;h=192&#038;ssl=1\" srcset=\"https:\/\/i0.wp.com\/itayachtscanada.com\/wp-content\/uploads\/2024\/08\/Capture-decran-le-2025-01-07-a-11.49.34.jpg?w=1670&amp;ssl=1 1670w, https:\/\/i0.wp.com\/itayachtscanada.com\/wp-content\/uploads\/2024\/08\/Capture-decran-le-2025-01-07-a-11.49.34.jpg?resize=300%2C166&amp;ssl=1 300w, https:\/\/i0.wp.com\/itayachtscanada.com\/wp-content\/uploads\/2024\/08\/Capture-decran-le-2025-01-07-a-11.49.34.jpg?resize=1024%2C568&amp;ssl=1 1024w, https:\/\/i0.wp.com\/itayachtscanada.com\/wp-content\/uploads\/2024\/08\/Capture-decran-le-2025-01-07-a-11.49.34.jpg?resize=768%2C426&amp;ssl=1 768w, https:\/\/i0.wp.com\/itayachtscanada.com\/wp-content\/uploads\/2024\/08\/Capture-decran-le-2025-01-07-a-11.49.34.jpg?resize=1536%2C852&amp;ssl=1 1536w, https:\/\/i0.wp.com\/itayachtscanada.com\/wp-content\/uploads\/2024\/08\/Capture-decran-le-2025-01-07-a-11.49.34.jpg?resize=700%2C388&amp;ssl=1 700w, https:\/\/i0.wp.com\/itayachtscanada.com\/wp-content\/uploads\/2024\/08\/Capture-decran-le-2025-01-07-a-11.49.34.jpg?resize=721%2C400&amp;ssl=1 721w, https:\/\/i0.wp.com\/itayachtscanada.com\/wp-content\/uploads\/2024\/08\/Capture-decran-le-2025-01-07-a-11.49.34.jpg?w=1400&amp;ssl=1 1400w\" width=\"346\" height=\"192\" loading=\"lazy\" data-original-width=\"346\" data-original-height=\"192\" itemprop=\"http:\/\/schema.org\/image\" title=\"Capture d\u2019e\u0301cran, le 2025-01-07 a\u0300 11.49.34\" alt=\"Capture d\u2019e\u0301cran, le 2025-01-07 a\u0300 11.49.34\" style=\"width: 346px; height: 192px;\" \/> <\/a> <\/div> <\/div> <!-- close group --> <div class=\"gallery-group images-1\" style=\"width: 350px; height: 196px;\" data-original-width=\"350\" data-original-height=\"196\" > <div class=\"tiled-gallery-item tiled-gallery-item-large\" itemprop=\"associatedMedia\" itemscope itemtype=\"http:\/\/schema.org\/ImageObject\"> <a href=\"https:\/\/itayachtscanada.com\/fr\/listing\/riva-90-argo-2023-9950000-usd-for-sale\/capture-decran-le-2025-01-07-a-11-49-08\/\" border=\"0\" itemprop=\"url\"> <meta itemprop=\"width\" content=\"346\"> <meta itemprop=\"height\" content=\"192\"> <img decoding=\"async\" class=\"\" data-attachment-id=\"198093\" data-orig-file=\"https:\/\/itayachtscanada.com\/wp-content\/uploads\/2024\/08\/Capture-decran-le-2025-01-07-a-11.49.08.jpg\" data-orig-size=\"1670,926\" data-comments-opened=\"1\" data-image-meta=\"{&quot;aperture&quot;:&quot;0&quot;,&quot;credit&quot;:&quot;&quot;,&quot;camera&quot;:&quot;&quot;,&quot;caption&quot;:&quot;&quot;,&quot;created_timestamp&quot;:&quot;0&quot;,&quot;copyright&quot;:&quot;&quot;,&quot;focal_length&quot;:&quot;0&quot;,&quot;iso&quot;:&quot;0&quot;,&quot;shutter_speed&quot;:&quot;0&quot;,&quot;title&quot;:&quot;&quot;,&quot;orientation&quot;:&quot;0&quot;}\" data-image-title=\"Capture d\u2019e\u0301cran, le 2025-01-07 a\u0300 11.49.08\" data-image-description=\"\" data-medium-file=\"https:\/\/i0.wp.com\/itayachtscanada.com\/wp-content\/uploads\/2024\/08\/Capture-decran-le-2025-01-07-a-11.49.08.jpg?fit=300%2C166&#038;ssl=1\" data-large-file=\"https:\/\/i0.wp.com\/itayachtscanada.com\/wp-content\/uploads\/2024\/08\/Capture-decran-le-2025-01-07-a-11.49.08.jpg?fit=700%2C388&#038;ssl=1\" src=\"https:\/\/i0.wp.com\/itayachtscanada.com\/wp-content\/uploads\/2024\/08\/Capture-decran-le-2025-01-07-a-11.49.08.jpg?w=346&#038;h=192&#038;ssl=1\" srcset=\"https:\/\/i0.wp.com\/itayachtscanada.com\/wp-content\/uploads\/2024\/08\/Capture-decran-le-2025-01-07-a-11.49.08.jpg?w=1670&amp;ssl=1 1670w, https:\/\/i0.wp.com\/itayachtscanada.com\/wp-content\/uploads\/2024\/08\/Capture-decran-le-2025-01-07-a-11.49.08.jpg?resize=300%2C166&amp;ssl=1 300w, https:\/\/i0.wp.com\/itayachtscanada.com\/wp-content\/uploads\/2024\/08\/Capture-decran-le-2025-01-07-a-11.49.08.jpg?resize=1024%2C568&amp;ssl=1 1024w, https:\/\/i0.wp.com\/itayachtscanada.com\/wp-content\/uploads\/2024\/08\/Capture-decran-le-2025-01-07-a-11.49.08.jpg?resize=768%2C426&amp;ssl=1 768w, https:\/\/i0.wp.com\/itayachtscanada.com\/wp-content\/uploads\/2024\/08\/Capture-decran-le-2025-01-07-a-11.49.08.jpg?resize=1536%2C852&amp;ssl=1 1536w, https:\/\/i0.wp.com\/itayachtscanada.com\/wp-content\/uploads\/2024\/08\/Capture-decran-le-2025-01-07-a-11.49.08.jpg?resize=700%2C388&amp;ssl=1 700w, https:\/\/i0.wp.com\/itayachtscanada.com\/wp-content\/uploads\/2024\/08\/Capture-decran-le-2025-01-07-a-11.49.08.jpg?resize=721%2C400&amp;ssl=1 721w, https:\/\/i0.wp.com\/itayachtscanada.com\/wp-content\/uploads\/2024\/08\/Capture-decran-le-2025-01-07-a-11.49.08.jpg?w=1400&amp;ssl=1 1400w\" width=\"346\" height=\"192\" loading=\"lazy\" data-original-width=\"346\" data-original-height=\"192\" itemprop=\"http:\/\/schema.org\/image\" title=\"Capture d\u2019e\u0301cran, le 2025-01-07 a\u0300 11.49.08\" alt=\"Capture d\u2019e\u0301cran, le 2025-01-07 a\u0300 11.49.08\" style=\"width: 346px; height: 192px;\" \/> <\/a> <\/div> <\/div> <!-- close group --> <\/div> <!-- close row --> <div class=\"gallery-row\" style=\"width: 700px; height: 196px;\" data-original-width=\"700\" data-original-height=\"196\" > <div class=\"gallery-group images-1\" style=\"width: 350px; height: 196px;\" data-original-width=\"350\" data-original-height=\"196\" > <div class=\"tiled-gallery-item tiled-gallery-item-large\" itemprop=\"associatedMedia\" itemscope itemtype=\"http:\/\/schema.org\/ImageObject\"> <a href=\"https:\/\/itayachtscanada.com\/fr\/listing\/riva-90-argo-2023-9950000-usd-for-sale\/capture-decran-le-2025-01-07-a-11-49-25\/\" border=\"0\" itemprop=\"url\"> <meta itemprop=\"width\" content=\"346\"> <meta itemprop=\"height\" content=\"192\"> <img decoding=\"async\" class=\"\" data-attachment-id=\"198091\" data-orig-file=\"https:\/\/itayachtscanada.com\/wp-content\/uploads\/2024\/08\/Capture-decran-le-2025-01-07-a-11.49.25.jpg\" data-orig-size=\"1670,926\" data-comments-opened=\"1\" data-image-meta=\"{&quot;aperture&quot;:&quot;0&quot;,&quot;credit&quot;:&quot;&quot;,&quot;camera&quot;:&quot;&quot;,&quot;caption&quot;:&quot;&quot;,&quot;created_timestamp&quot;:&quot;0&quot;,&quot;copyright&quot;:&quot;&quot;,&quot;focal_length&quot;:&quot;0&quot;,&quot;iso&quot;:&quot;0&quot;,&quot;shutter_speed&quot;:&quot;0&quot;,&quot;title&quot;:&quot;&quot;,&quot;orientation&quot;:&quot;0&quot;}\" data-image-title=\"Capture d\u2019e\u0301cran, le 2025-01-07 a\u0300 11.49.25\" data-image-description=\"\" data-medium-file=\"https:\/\/i0.wp.com\/itayachtscanada.com\/wp-content\/uploads\/2024\/08\/Capture-decran-le-2025-01-07-a-11.49.25.jpg?fit=300%2C166&#038;ssl=1\" data-large-file=\"https:\/\/i0.wp.com\/itayachtscanada.com\/wp-content\/uploads\/2024\/08\/Capture-decran-le-2025-01-07-a-11.49.25.jpg?fit=700%2C388&#038;ssl=1\" src=\"https:\/\/i0.wp.com\/itayachtscanada.com\/wp-content\/uploads\/2024\/08\/Capture-decran-le-2025-01-07-a-11.49.25.jpg?w=346&#038;h=192&#038;ssl=1\" srcset=\"https:\/\/i0.wp.com\/itayachtscanada.com\/wp-content\/uploads\/2024\/08\/Capture-decran-le-2025-01-07-a-11.49.25.jpg?w=1670&amp;ssl=1 1670w, https:\/\/i0.wp.com\/itayachtscanada.com\/wp-content\/uploads\/2024\/08\/Capture-decran-le-2025-01-07-a-11.49.25.jpg?resize=300%2C166&amp;ssl=1 300w, https:\/\/i0.wp.com\/itayachtscanada.com\/wp-content\/uploads\/2024\/08\/Capture-decran-le-2025-01-07-a-11.49.25.jpg?resize=1024%2C568&amp;ssl=1 1024w, https:\/\/i0.wp.com\/itayachtscanada.com\/wp-content\/uploads\/2024\/08\/Capture-decran-le-2025-01-07-a-11.49.25.jpg?resize=768%2C426&amp;ssl=1 768w, https:\/\/i0.wp.com\/itayachtscanada.com\/wp-content\/uploads\/2024\/08\/Capture-decran-le-2025-01-07-a-11.49.25.jpg?resize=1536%2C852&amp;ssl=1 1536w, https:\/\/i0.wp.com\/itayachtscanada.com\/wp-content\/uploads\/2024\/08\/Capture-decran-le-2025-01-07-a-11.49.25.jpg?resize=700%2C388&amp;ssl=1 700w, https:\/\/i0.wp.com\/itayachtscanada.com\/wp-content\/uploads\/2024\/08\/Capture-decran-le-2025-01-07-a-11.49.25.jpg?resize=721%2C400&amp;ssl=1 721w, https:\/\/i0.wp.com\/itayachtscanada.com\/wp-content\/uploads\/2024\/08\/Capture-decran-le-2025-01-07-a-11.49.25.jpg?w=1400&amp;ssl=1 1400w\" width=\"346\" height=\"192\" loading=\"lazy\" data-original-width=\"346\" data-original-height=\"192\" itemprop=\"http:\/\/schema.org\/image\" title=\"Capture d\u2019e\u0301cran, le 2025-01-07 a\u0300 11.49.25\" alt=\"Capture d\u2019e\u0301cran, le 2025-01-07 a\u0300 11.49.25\" style=\"width: 346px; height: 192px;\" \/> <\/a> <\/div> <\/div> <!-- close group --> <div class=\"gallery-group images-1\" style=\"width: 350px; height: 196px;\" data-original-width=\"350\" data-original-height=\"196\" > <div class=\"tiled-gallery-item tiled-gallery-item-large\" itemprop=\"associatedMedia\" itemscope itemtype=\"http:\/\/schema.org\/ImageObject\"> <a href=\"https:\/\/itayachtscanada.com\/fr\/listing\/riva-90-argo-2023-9950000-usd-for-sale\/capture-decran-le-2025-01-07-a-11-49-43\/\" border=\"0\" itemprop=\"url\"> <meta itemprop=\"width\" content=\"346\"> <meta itemprop=\"height\" content=\"192\"> <img decoding=\"async\" class=\"\" data-attachment-id=\"198087\" data-orig-file=\"https:\/\/itayachtscanada.com\/wp-content\/uploads\/2024\/08\/Capture-decran-le-2025-01-07-a-11.49.43.jpg\" data-orig-size=\"1670,926\" data-comments-opened=\"1\" data-image-meta=\"{&quot;aperture&quot;:&quot;0&quot;,&quot;credit&quot;:&quot;&quot;,&quot;camera&quot;:&quot;&quot;,&quot;caption&quot;:&quot;&quot;,&quot;created_timestamp&quot;:&quot;0&quot;,&quot;copyright&quot;:&quot;&quot;,&quot;focal_length&quot;:&quot;0&quot;,&quot;iso&quot;:&quot;0&quot;,&quot;shutter_speed&quot;:&quot;0&quot;,&quot;title&quot;:&quot;&quot;,&quot;orientation&quot;:&quot;0&quot;}\" data-image-title=\"Capture d\u2019e\u0301cran, le 2025-01-07 a\u0300 11.49.43\" data-image-description=\"\" data-medium-file=\"https:\/\/i0.wp.com\/itayachtscanada.com\/wp-content\/uploads\/2024\/08\/Capture-decran-le-2025-01-07-a-11.49.43.jpg?fit=300%2C166&#038;ssl=1\" data-large-file=\"https:\/\/i0.wp.com\/itayachtscanada.com\/wp-content\/uploads\/2024\/08\/Capture-decran-le-2025-01-07-a-11.49.43.jpg?fit=700%2C388&#038;ssl=1\" src=\"https:\/\/i0.wp.com\/itayachtscanada.com\/wp-content\/uploads\/2024\/08\/Capture-decran-le-2025-01-07-a-11.49.43.jpg?w=346&#038;h=192&#038;ssl=1\" srcset=\"https:\/\/i0.wp.com\/itayachtscanada.com\/wp-content\/uploads\/2024\/08\/Capture-decran-le-2025-01-07-a-11.49.43.jpg?w=1670&amp;ssl=1 1670w, https:\/\/i0.wp.com\/itayachtscanada.com\/wp-content\/uploads\/2024\/08\/Capture-decran-le-2025-01-07-a-11.49.43.jpg?resize=300%2C166&amp;ssl=1 300w, https:\/\/i0.wp.com\/itayachtscanada.com\/wp-content\/uploads\/2024\/08\/Capture-decran-le-2025-01-07-a-11.49.43.jpg?resize=1024%2C568&amp;ssl=1 1024w, https:\/\/i0.wp.com\/itayachtscanada.com\/wp-content\/uploads\/2024\/08\/Capture-decran-le-2025-01-07-a-11.49.43.jpg?resize=768%2C426&amp;ssl=1 768w, https:\/\/i0.wp.com\/itayachtscanada.com\/wp-content\/uploads\/2024\/08\/Capture-decran-le-2025-01-07-a-11.49.43.jpg?resize=1536%2C852&amp;ssl=1 1536w, https:\/\/i0.wp.com\/itayachtscanada.com\/wp-content\/uploads\/2024\/08\/Capture-decran-le-2025-01-07-a-11.49.43.jpg?resize=700%2C388&amp;ssl=1 700w, https:\/\/i0.wp.com\/itayachtscanada.com\/wp-content\/uploads\/2024\/08\/Capture-decran-le-2025-01-07-a-11.49.43.jpg?resize=721%2C400&amp;ssl=1 721w, https:\/\/i0.wp.com\/itayachtscanada.com\/wp-content\/uploads\/2024\/08\/Capture-decran-le-2025-01-07-a-11.49.43.jpg?w=1400&amp;ssl=1 1400w\" width=\"346\" height=\"192\" loading=\"lazy\" data-original-width=\"346\" data-original-height=\"192\" itemprop=\"http:\/\/schema.org\/image\" title=\"Capture d\u2019e\u0301cran, le 2025-01-07 a\u0300 11.49.43\" alt=\"Capture d\u2019e\u0301cran, le 2025-01-07 a\u0300 11.49.43\" style=\"width: 346px; height: 192px;\" \/> <\/a> <\/div> <\/div> <!-- close group --> <\/div> <!-- close row --> <div class=\"gallery-row\" style=\"width: 700px; height: 142px;\" data-original-width=\"700\" data-original-height=\"142\" > <div class=\"gallery-group images-1\" style=\"width: 253px; height: 142px;\" data-original-width=\"253\" data-original-height=\"142\" > <div class=\"tiled-gallery-item tiled-gallery-item-small\" itemprop=\"associatedMedia\" itemscope itemtype=\"http:\/\/schema.org\/ImageObject\"> <a href=\"https:\/\/itayachtscanada.com\/fr\/listing\/riva-90-argo-2023-9950000-usd-for-sale\/capture-decran-le-2025-01-07-a-11-49-20\/\" border=\"0\" itemprop=\"url\"> <meta itemprop=\"width\" content=\"249\"> <meta itemprop=\"height\" content=\"138\"> <img decoding=\"async\" class=\"\" data-attachment-id=\"198092\" data-orig-file=\"https:\/\/itayachtscanada.com\/wp-content\/uploads\/2024\/08\/Capture-decran-le-2025-01-07-a-11.49.20.jpg\" data-orig-size=\"1670,926\" data-comments-opened=\"1\" data-image-meta=\"{&quot;aperture&quot;:&quot;0&quot;,&quot;credit&quot;:&quot;&quot;,&quot;camera&quot;:&quot;&quot;,&quot;caption&quot;:&quot;&quot;,&quot;created_timestamp&quot;:&quot;0&quot;,&quot;copyright&quot;:&quot;&quot;,&quot;focal_length&quot;:&quot;0&quot;,&quot;iso&quot;:&quot;0&quot;,&quot;shutter_speed&quot;:&quot;0&quot;,&quot;title&quot;:&quot;&quot;,&quot;orientation&quot;:&quot;0&quot;}\" data-image-title=\"Capture d\u2019e\u0301cran, le 2025-01-07 a\u0300 11.49.20\" data-image-description=\"\" data-medium-file=\"https:\/\/i0.wp.com\/itayachtscanada.com\/wp-content\/uploads\/2024\/08\/Capture-decran-le-2025-01-07-a-11.49.20.jpg?fit=300%2C166&#038;ssl=1\" data-large-file=\"https:\/\/i0.wp.com\/itayachtscanada.com\/wp-content\/uploads\/2024\/08\/Capture-decran-le-2025-01-07-a-11.49.20.jpg?fit=700%2C388&#038;ssl=1\" src=\"https:\/\/i0.wp.com\/itayachtscanada.com\/wp-content\/uploads\/2024\/08\/Capture-decran-le-2025-01-07-a-11.49.20.jpg?w=249&#038;h=138&#038;ssl=1\" srcset=\"https:\/\/i0.wp.com\/itayachtscanada.com\/wp-content\/uploads\/2024\/08\/Capture-decran-le-2025-01-07-a-11.49.20.jpg?w=1670&amp;ssl=1 1670w, https:\/\/i0.wp.com\/itayachtscanada.com\/wp-content\/uploads\/2024\/08\/Capture-decran-le-2025-01-07-a-11.49.20.jpg?resize=300%2C166&amp;ssl=1 300w, https:\/\/i0.wp.com\/itayachtscanada.com\/wp-content\/uploads\/2024\/08\/Capture-decran-le-2025-01-07-a-11.49.20.jpg?resize=1024%2C568&amp;ssl=1 1024w, https:\/\/i0.wp.com\/itayachtscanada.com\/wp-content\/uploads\/2024\/08\/Capture-decran-le-2025-01-07-a-11.49.20.jpg?resize=768%2C426&amp;ssl=1 768w, https:\/\/i0.wp.com\/itayachtscanada.com\/wp-content\/uploads\/2024\/08\/Capture-decran-le-2025-01-07-a-11.49.20.jpg?resize=1536%2C852&amp;ssl=1 1536w, https:\/\/i0.wp.com\/itayachtscanada.com\/wp-content\/uploads\/2024\/08\/Capture-decran-le-2025-01-07-a-11.49.20.jpg?resize=700%2C388&amp;ssl=1 700w, https:\/\/i0.wp.com\/itayachtscanada.com\/wp-content\/uploads\/2024\/08\/Capture-decran-le-2025-01-07-a-11.49.20.jpg?resize=721%2C400&amp;ssl=1 721w, https:\/\/i0.wp.com\/itayachtscanada.com\/wp-content\/uploads\/2024\/08\/Capture-decran-le-2025-01-07-a-11.49.20.jpg?w=1400&amp;ssl=1 1400w\" width=\"249\" height=\"138\" loading=\"lazy\" data-original-width=\"249\" data-original-height=\"138\" itemprop=\"http:\/\/schema.org\/image\" title=\"Capture d\u2019e\u0301cran, le 2025-01-07 a\u0300 11.49.20\" alt=\"Capture d\u2019e\u0301cran, le 2025-01-07 a\u0300 11.49.20\" style=\"width: 249px; height: 138px;\" \/> <\/a> <\/div> <\/div> <!-- close group --> <div class=\"gallery-group images-1\" style=\"width: 194px; height: 142px;\" data-original-width=\"194\" data-original-height=\"142\" > <div class=\"tiled-gallery-item tiled-gallery-item-small\" itemprop=\"associatedMedia\" itemscope itemtype=\"http:\/\/schema.org\/ImageObject\"> <a href=\"https:\/\/itayachtscanada.com\/fr\/listing\/riva-90-argo-2023-9950000-usd-for-sale\/capture-decran-le-2025-01-07-a-11-49-56\/\" border=\"0\" itemprop=\"url\"> <meta itemprop=\"width\" content=\"190\"> <meta itemprop=\"height\" content=\"138\"> <img decoding=\"async\" class=\"\" data-attachment-id=\"198085\" data-orig-file=\"https:\/\/itayachtscanada.com\/wp-content\/uploads\/2024\/08\/Capture-decran-le-2025-01-07-a-11.49.56.jpg\" data-orig-size=\"1272,926\" data-comments-opened=\"1\" data-image-meta=\"{&quot;aperture&quot;:&quot;0&quot;,&quot;credit&quot;:&quot;&quot;,&quot;camera&quot;:&quot;&quot;,&quot;caption&quot;:&quot;&quot;,&quot;created_timestamp&quot;:&quot;0&quot;,&quot;copyright&quot;:&quot;&quot;,&quot;focal_length&quot;:&quot;0&quot;,&quot;iso&quot;:&quot;0&quot;,&quot;shutter_speed&quot;:&quot;0&quot;,&quot;title&quot;:&quot;&quot;,&quot;orientation&quot;:&quot;0&quot;}\" data-image-title=\"Capture d\u2019e\u0301cran, le 2025-01-07 a\u0300 11.49.56\" data-image-description=\"\" data-medium-file=\"https:\/\/i0.wp.com\/itayachtscanada.com\/wp-content\/uploads\/2024\/08\/Capture-decran-le-2025-01-07-a-11.49.56.jpg?fit=300%2C218&#038;ssl=1\" data-large-file=\"https:\/\/i0.wp.com\/itayachtscanada.com\/wp-content\/uploads\/2024\/08\/Capture-decran-le-2025-01-07-a-11.49.56.jpg?fit=700%2C509&#038;ssl=1\" src=\"https:\/\/i0.wp.com\/itayachtscanada.com\/wp-content\/uploads\/2024\/08\/Capture-decran-le-2025-01-07-a-11.49.56.jpg?w=190&#038;h=138&#038;ssl=1\" srcset=\"https:\/\/i0.wp.com\/itayachtscanada.com\/wp-content\/uploads\/2024\/08\/Capture-decran-le-2025-01-07-a-11.49.56.jpg?w=1272&amp;ssl=1 1272w, https:\/\/i0.wp.com\/itayachtscanada.com\/wp-content\/uploads\/2024\/08\/Capture-decran-le-2025-01-07-a-11.49.56.jpg?resize=300%2C218&amp;ssl=1 300w, https:\/\/i0.wp.com\/itayachtscanada.com\/wp-content\/uploads\/2024\/08\/Capture-decran-le-2025-01-07-a-11.49.56.jpg?resize=1024%2C745&amp;ssl=1 1024w, https:\/\/i0.wp.com\/itayachtscanada.com\/wp-content\/uploads\/2024\/08\/Capture-decran-le-2025-01-07-a-11.49.56.jpg?resize=768%2C559&amp;ssl=1 768w, https:\/\/i0.wp.com\/itayachtscanada.com\/wp-content\/uploads\/2024\/08\/Capture-decran-le-2025-01-07-a-11.49.56.jpg?resize=700%2C510&amp;ssl=1 700w, https:\/\/i0.wp.com\/itayachtscanada.com\/wp-content\/uploads\/2024\/08\/Capture-decran-le-2025-01-07-a-11.49.56.jpg?resize=549%2C400&amp;ssl=1 549w\" width=\"190\" height=\"138\" loading=\"lazy\" data-original-width=\"190\" data-original-height=\"138\" itemprop=\"http:\/\/schema.org\/image\" title=\"Capture d\u2019e\u0301cran, le 2025-01-07 a\u0300 11.49.56\" alt=\"Capture d\u2019e\u0301cran, le 2025-01-07 a\u0300 11.49.56\" style=\"width: 190px; height: 138px;\" \/> <\/a> <\/div> <\/div> <!-- close group --> <div class=\"gallery-group images-1\" style=\"width: 253px; height: 142px;\" data-original-width=\"253\" data-original-height=\"142\" > <div class=\"tiled-gallery-item tiled-gallery-item-small\" itemprop=\"associatedMedia\" itemscope itemtype=\"http:\/\/schema.org\/ImageObject\"> <a href=\"https:\/\/itayachtscanada.com\/fr\/listing\/riva-90-argo-2023-9950000-usd-for-sale\/capture-decran-le-2025-01-07-a-11-49-48\/\" border=\"0\" itemprop=\"url\"> <meta itemprop=\"width\" content=\"249\"> <meta itemprop=\"height\" content=\"138\"> <img decoding=\"async\" class=\"\" data-attachment-id=\"198086\" data-orig-file=\"https:\/\/itayachtscanada.com\/wp-content\/uploads\/2024\/08\/Capture-decran-le-2025-01-07-a-11.49.48.jpg\" data-orig-size=\"1670,926\" data-comments-opened=\"1\" data-image-meta=\"{&quot;aperture&quot;:&quot;0&quot;,&quot;credit&quot;:&quot;&quot;,&quot;camera&quot;:&quot;&quot;,&quot;caption&quot;:&quot;&quot;,&quot;created_timestamp&quot;:&quot;0&quot;,&quot;copyright&quot;:&quot;&quot;,&quot;focal_length&quot;:&quot;0&quot;,&quot;iso&quot;:&quot;0&quot;,&quot;shutter_speed&quot;:&quot;0&quot;,&quot;title&quot;:&quot;&quot;,&quot;orientation&quot;:&quot;0&quot;}\" data-image-title=\"Capture d\u2019e\u0301cran, le 2025-01-07 a\u0300 11.49.48\" data-image-description=\"\" data-medium-file=\"https:\/\/i0.wp.com\/itayachtscanada.com\/wp-content\/uploads\/2024\/08\/Capture-decran-le-2025-01-07-a-11.49.48.jpg?fit=300%2C166&#038;ssl=1\" data-large-file=\"https:\/\/i0.wp.com\/itayachtscanada.com\/wp-content\/uploads\/2024\/08\/Capture-decran-le-2025-01-07-a-11.49.48.jpg?fit=700%2C388&#038;ssl=1\" src=\"https:\/\/i0.wp.com\/itayachtscanada.com\/wp-content\/uploads\/2024\/08\/Capture-decran-le-2025-01-07-a-11.49.48.jpg?w=249&#038;h=138&#038;ssl=1\" srcset=\"https:\/\/i0.wp.com\/itayachtscanada.com\/wp-content\/uploads\/2024\/08\/Capture-decran-le-2025-01-07-a-11.49.48.jpg?w=1670&amp;ssl=1 1670w, https:\/\/i0.wp.com\/itayachtscanada.com\/wp-content\/uploads\/2024\/08\/Capture-decran-le-2025-01-07-a-11.49.48.jpg?resize=300%2C166&amp;ssl=1 300w, https:\/\/i0.wp.com\/itayachtscanada.com\/wp-content\/uploads\/2024\/08\/Capture-decran-le-2025-01-07-a-11.49.48.jpg?resize=1024%2C568&amp;ssl=1 1024w, https:\/\/i0.wp.com\/itayachtscanada.com\/wp-content\/uploads\/2024\/08\/Capture-decran-le-2025-01-07-a-11.49.48.jpg?resize=768%2C426&amp;ssl=1 768w, https:\/\/i0.wp.com\/itayachtscanada.com\/wp-content\/uploads\/2024\/08\/Capture-decran-le-2025-01-07-a-11.49.48.jpg?resize=1536%2C852&amp;ssl=1 1536w, https:\/\/i0.wp.com\/itayachtscanada.com\/wp-content\/uploads\/2024\/08\/Capture-decran-le-2025-01-07-a-11.49.48.jpg?resize=700%2C388&amp;ssl=1 700w, https:\/\/i0.wp.com\/itayachtscanada.com\/wp-content\/uploads\/2024\/08\/Capture-decran-le-2025-01-07-a-11.49.48.jpg?resize=721%2C400&amp;ssl=1 721w, https:\/\/i0.wp.com\/itayachtscanada.com\/wp-content\/uploads\/2024\/08\/Capture-decran-le-2025-01-07-a-11.49.48.jpg?w=1400&amp;ssl=1 1400w\" width=\"249\" height=\"138\" loading=\"lazy\" data-original-width=\"249\" data-original-height=\"138\" itemprop=\"http:\/\/schema.org\/image\" title=\"Capture d\u2019e\u0301cran, le 2025-01-07 a\u0300 11.49.48\" alt=\"Capture d\u2019e\u0301cran, le 2025-01-07 a\u0300 11.49.48\" style=\"width: 249px; height: 138px;\" \/> <\/a> <\/div> <\/div> <!-- close group --> <\/div> <!-- close row --> <div class=\"gallery-row\" style=\"width: 700px; height: 311px;\" data-original-width=\"700\" data-original-height=\"311\" > <div class=\"gallery-group images-2\" style=\"width: 251px; height: 311px;\" data-original-width=\"251\" data-original-height=\"311\" > <div class=\"tiled-gallery-item tiled-gallery-item-small\" itemprop=\"associatedMedia\" itemscope itemtype=\"http:\/\/schema.org\/ImageObject\"> <a href=\"https:\/\/itayachtscanada.com\/fr\/listing\/riva-90-argo-2023-9950000-usd-for-sale\/capture-decran-le-2025-01-07-a-11-50-15\/\" border=\"0\" itemprop=\"url\"> <meta itemprop=\"width\" content=\"247\"> <meta itemprop=\"height\" content=\"139\"> <img decoding=\"async\" class=\"\" data-attachment-id=\"198084\" data-orig-file=\"https:\/\/itayachtscanada.com\/wp-content\/uploads\/2024\/08\/Capture-decran-le-2025-01-07-a-11.50.15.jpg\" data-orig-size=\"1646,926\" data-comments-opened=\"1\" data-image-meta=\"{&quot;aperture&quot;:&quot;0&quot;,&quot;credit&quot;:&quot;&quot;,&quot;camera&quot;:&quot;&quot;,&quot;caption&quot;:&quot;&quot;,&quot;created_timestamp&quot;:&quot;0&quot;,&quot;copyright&quot;:&quot;&quot;,&quot;focal_length&quot;:&quot;0&quot;,&quot;iso&quot;:&quot;0&quot;,&quot;shutter_speed&quot;:&quot;0&quot;,&quot;title&quot;:&quot;&quot;,&quot;orientation&quot;:&quot;0&quot;}\" data-image-title=\"Capture d\u2019e\u0301cran, le 2025-01-07 a\u0300 11.50.15\" data-image-description=\"\" data-medium-file=\"https:\/\/i0.wp.com\/itayachtscanada.com\/wp-content\/uploads\/2024\/08\/Capture-decran-le-2025-01-07-a-11.50.15.jpg?fit=300%2C169&#038;ssl=1\" data-large-file=\"https:\/\/i0.wp.com\/itayachtscanada.com\/wp-content\/uploads\/2024\/08\/Capture-decran-le-2025-01-07-a-11.50.15.jpg?fit=700%2C394&#038;ssl=1\" src=\"https:\/\/i0.wp.com\/itayachtscanada.com\/wp-content\/uploads\/2024\/08\/Capture-decran-le-2025-01-07-a-11.50.15.jpg?w=247&#038;h=139&#038;ssl=1\" srcset=\"https:\/\/i0.wp.com\/itayachtscanada.com\/wp-content\/uploads\/2024\/08\/Capture-decran-le-2025-01-07-a-11.50.15.jpg?w=1646&amp;ssl=1 1646w, https:\/\/i0.wp.com\/itayachtscanada.com\/wp-content\/uploads\/2024\/08\/Capture-decran-le-2025-01-07-a-11.50.15.jpg?resize=300%2C169&amp;ssl=1 300w, https:\/\/i0.wp.com\/itayachtscanada.com\/wp-content\/uploads\/2024\/08\/Capture-decran-le-2025-01-07-a-11.50.15.jpg?resize=1024%2C576&amp;ssl=1 1024w, https:\/\/i0.wp.com\/itayachtscanada.com\/wp-content\/uploads\/2024\/08\/Capture-decran-le-2025-01-07-a-11.50.15.jpg?resize=768%2C432&amp;ssl=1 768w, https:\/\/i0.wp.com\/itayachtscanada.com\/wp-content\/uploads\/2024\/08\/Capture-decran-le-2025-01-07-a-11.50.15.jpg?resize=1536%2C864&amp;ssl=1 1536w, https:\/\/i0.wp.com\/itayachtscanada.com\/wp-content\/uploads\/2024\/08\/Capture-decran-le-2025-01-07-a-11.50.15.jpg?resize=700%2C394&amp;ssl=1 700w, https:\/\/i0.wp.com\/itayachtscanada.com\/wp-content\/uploads\/2024\/08\/Capture-decran-le-2025-01-07-a-11.50.15.jpg?resize=711%2C400&amp;ssl=1 711w, https:\/\/i0.wp.com\/itayachtscanada.com\/wp-content\/uploads\/2024\/08\/Capture-decran-le-2025-01-07-a-11.50.15.jpg?w=1400&amp;ssl=1 1400w\" width=\"247\" height=\"139\" loading=\"lazy\" data-original-width=\"247\" data-original-height=\"139\" itemprop=\"http:\/\/schema.org\/image\" title=\"Capture d\u2019e\u0301cran, le 2025-01-07 a\u0300 11.50.15\" alt=\"Capture d\u2019e\u0301cran, le 2025-01-07 a\u0300 11.50.15\" style=\"width: 247px; height: 139px;\" \/> <\/a> <\/div> <div class=\"tiled-gallery-item tiled-gallery-item-small\" itemprop=\"associatedMedia\" itemscope itemtype=\"http:\/\/schema.org\/ImageObject\"> <a href=\"https:\/\/itayachtscanada.com\/fr\/listing\/riva-90-argo-2023-9950000-usd-for-sale\/capture-decran-le-2024-08-15-a-15-00-56\/\" border=\"0\" itemprop=\"url\"> <meta itemprop=\"width\" content=\"247\"> <meta itemprop=\"height\" content=\"164\"> <img decoding=\"async\" class=\"\" data-attachment-id=\"173551\" data-orig-file=\"https:\/\/itayachtscanada.com\/wp-content\/uploads\/2024\/08\/Capture-decran-le-2024-08-15-a-15.00.56.jpg\" data-orig-size=\"1808,1204\" data-comments-opened=\"1\" data-image-meta=\"{&quot;aperture&quot;:&quot;0&quot;,&quot;credit&quot;:&quot;&quot;,&quot;camera&quot;:&quot;&quot;,&quot;caption&quot;:&quot;&quot;,&quot;created_timestamp&quot;:&quot;0&quot;,&quot;copyright&quot;:&quot;&quot;,&quot;focal_length&quot;:&quot;0&quot;,&quot;iso&quot;:&quot;0&quot;,&quot;shutter_speed&quot;:&quot;0&quot;,&quot;title&quot;:&quot;&quot;,&quot;orientation&quot;:&quot;0&quot;}\" data-image-title=\"Capture d\u2019e\u0301cran, le 2024-08-15 a\u0300 15.00.56\" data-image-description=\"\" data-medium-file=\"https:\/\/i0.wp.com\/itayachtscanada.com\/wp-content\/uploads\/2024\/08\/Capture-decran-le-2024-08-15-a-15.00.56.jpg?fit=300%2C200&#038;ssl=1\" data-large-file=\"https:\/\/i0.wp.com\/itayachtscanada.com\/wp-content\/uploads\/2024\/08\/Capture-decran-le-2024-08-15-a-15.00.56.jpg?fit=700%2C466&#038;ssl=1\" src=\"https:\/\/i0.wp.com\/itayachtscanada.com\/wp-content\/uploads\/2024\/08\/Capture-decran-le-2024-08-15-a-15.00.56.jpg?w=247&#038;h=164&#038;ssl=1\" srcset=\"https:\/\/i0.wp.com\/itayachtscanada.com\/wp-content\/uploads\/2024\/08\/Capture-decran-le-2024-08-15-a-15.00.56.jpg?w=1808&amp;ssl=1 1808w, https:\/\/i0.wp.com\/itayachtscanada.com\/wp-content\/uploads\/2024\/08\/Capture-decran-le-2024-08-15-a-15.00.56.jpg?resize=300%2C200&amp;ssl=1 300w, https:\/\/i0.wp.com\/itayachtscanada.com\/wp-content\/uploads\/2024\/08\/Capture-decran-le-2024-08-15-a-15.00.56.jpg?resize=1024%2C682&amp;ssl=1 1024w, https:\/\/i0.wp.com\/itayachtscanada.com\/wp-content\/uploads\/2024\/08\/Capture-decran-le-2024-08-15-a-15.00.56.jpg?resize=768%2C511&amp;ssl=1 768w, https:\/\/i0.wp.com\/itayachtscanada.com\/wp-content\/uploads\/2024\/08\/Capture-decran-le-2024-08-15-a-15.00.56.jpg?resize=1536%2C1023&amp;ssl=1 1536w, https:\/\/i0.wp.com\/itayachtscanada.com\/wp-content\/uploads\/2024\/08\/Capture-decran-le-2024-08-15-a-15.00.56.jpg?resize=700%2C466&amp;ssl=1 700w, https:\/\/i0.wp.com\/itayachtscanada.com\/wp-content\/uploads\/2024\/08\/Capture-decran-le-2024-08-15-a-15.00.56.jpg?resize=900%2C600&amp;ssl=1 900w, https:\/\/i0.wp.com\/itayachtscanada.com\/wp-content\/uploads\/2024\/08\/Capture-decran-le-2024-08-15-a-15.00.56.jpg?resize=601%2C400&amp;ssl=1 601w, https:\/\/i0.wp.com\/itayachtscanada.com\/wp-content\/uploads\/2024\/08\/Capture-decran-le-2024-08-15-a-15.00.56.jpg?w=1400&amp;ssl=1 1400w\" width=\"247\" height=\"164\" loading=\"lazy\" data-original-width=\"247\" data-original-height=\"164\" itemprop=\"http:\/\/schema.org\/image\" title=\"Capture d\u2019e\u0301cran, le 2024-08-15 a\u0300 15.00.56\" alt=\"Capture d\u2019e\u0301cran, le 2024-08-15 a\u0300 15.00.56\" style=\"width: 247px; height: 164px;\" \/> <\/a> <\/div> <\/div> <!-- close group --> <div class=\"gallery-group images-1\" style=\"width: 449px; height: 311px;\" data-original-width=\"449\" data-original-height=\"311\" > <div class=\"tiled-gallery-item tiled-gallery-item-large\" itemprop=\"associatedMedia\" itemscope itemtype=\"http:\/\/schema.org\/ImageObject\"> <a href=\"https:\/\/itayachtscanada.com\/fr\/listing\/riva-90-argo-2023-9950000-usd-for-sale\/capture-decran-le-2024-08-15-a-15-01-02\/\" border=\"0\" itemprop=\"url\"> <meta itemprop=\"width\" content=\"445\"> <meta itemprop=\"height\" content=\"307\"> <img decoding=\"async\" class=\"\" data-attachment-id=\"173550\" data-orig-file=\"https:\/\/itayachtscanada.com\/wp-content\/uploads\/2024\/08\/Capture-decran-le-2024-08-15-a-15.01.02.jpg\" data-orig-size=\"1808,1248\" data-comments-opened=\"1\" data-image-meta=\"{&quot;aperture&quot;:&quot;0&quot;,&quot;credit&quot;:&quot;&quot;,&quot;camera&quot;:&quot;&quot;,&quot;caption&quot;:&quot;&quot;,&quot;created_timestamp&quot;:&quot;0&quot;,&quot;copyright&quot;:&quot;&quot;,&quot;focal_length&quot;:&quot;0&quot;,&quot;iso&quot;:&quot;0&quot;,&quot;shutter_speed&quot;:&quot;0&quot;,&quot;title&quot;:&quot;&quot;,&quot;orientation&quot;:&quot;0&quot;}\" data-image-title=\"Capture d\u2019e\u0301cran, le 2024-08-15 a\u0300 15.01.02\" data-image-description=\"\" data-medium-file=\"https:\/\/i0.wp.com\/itayachtscanada.com\/wp-content\/uploads\/2024\/08\/Capture-decran-le-2024-08-15-a-15.01.02.jpg?fit=300%2C207&#038;ssl=1\" data-large-file=\"https:\/\/i0.wp.com\/itayachtscanada.com\/wp-content\/uploads\/2024\/08\/Capture-decran-le-2024-08-15-a-15.01.02.jpg?fit=700%2C483&#038;ssl=1\" src=\"https:\/\/i0.wp.com\/itayachtscanada.com\/wp-content\/uploads\/2024\/08\/Capture-decran-le-2024-08-15-a-15.01.02.jpg?w=445&#038;h=307&#038;ssl=1\" srcset=\"https:\/\/i0.wp.com\/itayachtscanada.com\/wp-content\/uploads\/2024\/08\/Capture-decran-le-2024-08-15-a-15.01.02.jpg?w=1808&amp;ssl=1 1808w, https:\/\/i0.wp.com\/itayachtscanada.com\/wp-content\/uploads\/2024\/08\/Capture-decran-le-2024-08-15-a-15.01.02.jpg?resize=300%2C207&amp;ssl=1 300w, https:\/\/i0.wp.com\/itayachtscanada.com\/wp-content\/uploads\/2024\/08\/Capture-decran-le-2024-08-15-a-15.01.02.jpg?resize=1024%2C707&amp;ssl=1 1024w, https:\/\/i0.wp.com\/itayachtscanada.com\/wp-content\/uploads\/2024\/08\/Capture-decran-le-2024-08-15-a-15.01.02.jpg?resize=768%2C530&amp;ssl=1 768w, https:\/\/i0.wp.com\/itayachtscanada.com\/wp-content\/uploads\/2024\/08\/Capture-decran-le-2024-08-15-a-15.01.02.jpg?resize=1536%2C1060&amp;ssl=1 1536w, https:\/\/i0.wp.com\/itayachtscanada.com\/wp-content\/uploads\/2024\/08\/Capture-decran-le-2024-08-15-a-15.01.02.jpg?resize=700%2C483&amp;ssl=1 700w, https:\/\/i0.wp.com\/itayachtscanada.com\/wp-content\/uploads\/2024\/08\/Capture-decran-le-2024-08-15-a-15.01.02.jpg?resize=579%2C400&amp;ssl=1 579w, https:\/\/i0.wp.com\/itayachtscanada.com\/wp-content\/uploads\/2024\/08\/Capture-decran-le-2024-08-15-a-15.01.02.jpg?w=1400&amp;ssl=1 1400w\" width=\"445\" height=\"307\" loading=\"lazy\" data-original-width=\"445\" data-original-height=\"307\" itemprop=\"http:\/\/schema.org\/image\" title=\"Capture d\u2019e\u0301cran, le 2024-08-15 a\u0300 15.01.02\" alt=\"Capture d\u2019e\u0301cran, le 2024-08-15 a\u0300 15.01.02\" style=\"width: 445px; height: 307px;\" \/> <\/a> <\/div> <\/div> <!-- close group --> <\/div> <!-- close row --> <div class=\"gallery-row\" style=\"width: 700px; height: 312px;\" data-original-width=\"700\" data-original-height=\"312\" > <div class=\"gallery-group images-1\" style=\"width: 467px; height: 312px;\" data-original-width=\"467\" data-original-height=\"312\" > <div class=\"tiled-gallery-item tiled-gallery-item-large\" itemprop=\"associatedMedia\" itemscope itemtype=\"http:\/\/schema.org\/ImageObject\"> <a href=\"https:\/\/itayachtscanada.com\/fr\/listing\/riva-90-argo-2023-9950000-usd-for-sale\/capture-decran-le-2024-08-15-a-15-00-50\/\" border=\"0\" itemprop=\"url\"> <meta itemprop=\"width\" content=\"463\"> <meta itemprop=\"height\" content=\"308\"> <img decoding=\"async\" class=\"\" data-attachment-id=\"173552\" data-orig-file=\"https:\/\/itayachtscanada.com\/wp-content\/uploads\/2024\/08\/Capture-decran-le-2024-08-15-a-15.00.50.jpg\" data-orig-size=\"1808,1204\" data-comments-opened=\"1\" data-image-meta=\"{&quot;aperture&quot;:&quot;0&quot;,&quot;credit&quot;:&quot;&quot;,&quot;camera&quot;:&quot;&quot;,&quot;caption&quot;:&quot;&quot;,&quot;created_timestamp&quot;:&quot;0&quot;,&quot;copyright&quot;:&quot;&quot;,&quot;focal_length&quot;:&quot;0&quot;,&quot;iso&quot;:&quot;0&quot;,&quot;shutter_speed&quot;:&quot;0&quot;,&quot;title&quot;:&quot;&quot;,&quot;orientation&quot;:&quot;0&quot;}\" data-image-title=\"Capture d\u2019e\u0301cran, le 2024-08-15 a\u0300 15.00.50\" data-image-description=\"\" data-medium-file=\"https:\/\/i0.wp.com\/itayachtscanada.com\/wp-content\/uploads\/2024\/08\/Capture-decran-le-2024-08-15-a-15.00.50.jpg?fit=300%2C200&#038;ssl=1\" data-large-file=\"https:\/\/i0.wp.com\/itayachtscanada.com\/wp-content\/uploads\/2024\/08\/Capture-decran-le-2024-08-15-a-15.00.50.jpg?fit=700%2C466&#038;ssl=1\" src=\"https:\/\/i0.wp.com\/itayachtscanada.com\/wp-content\/uploads\/2024\/08\/Capture-decran-le-2024-08-15-a-15.00.50.jpg?w=463&#038;h=308&#038;ssl=1\" srcset=\"https:\/\/i0.wp.com\/itayachtscanada.com\/wp-content\/uploads\/2024\/08\/Capture-decran-le-2024-08-15-a-15.00.50.jpg?w=1808&amp;ssl=1 1808w, https:\/\/i0.wp.com\/itayachtscanada.com\/wp-content\/uploads\/2024\/08\/Capture-decran-le-2024-08-15-a-15.00.50.jpg?resize=300%2C200&amp;ssl=1 300w, https:\/\/i0.wp.com\/itayachtscanada.com\/wp-content\/uploads\/2024\/08\/Capture-decran-le-2024-08-15-a-15.00.50.jpg?resize=1024%2C682&amp;ssl=1 1024w, https:\/\/i0.wp.com\/itayachtscanada.com\/wp-content\/uploads\/2024\/08\/Capture-decran-le-2024-08-15-a-15.00.50.jpg?resize=768%2C511&amp;ssl=1 768w, https:\/\/i0.wp.com\/itayachtscanada.com\/wp-content\/uploads\/2024\/08\/Capture-decran-le-2024-08-15-a-15.00.50.jpg?resize=1536%2C1023&amp;ssl=1 1536w, https:\/\/i0.wp.com\/itayachtscanada.com\/wp-content\/uploads\/2024\/08\/Capture-decran-le-2024-08-15-a-15.00.50.jpg?resize=700%2C466&amp;ssl=1 700w, https:\/\/i0.wp.com\/itayachtscanada.com\/wp-content\/uploads\/2024\/08\/Capture-decran-le-2024-08-15-a-15.00.50.jpg?resize=900%2C600&amp;ssl=1 900w, https:\/\/i0.wp.com\/itayachtscanada.com\/wp-content\/uploads\/2024\/08\/Capture-decran-le-2024-08-15-a-15.00.50.jpg?resize=601%2C400&amp;ssl=1 601w, https:\/\/i0.wp.com\/itayachtscanada.com\/wp-content\/uploads\/2024\/08\/Capture-decran-le-2024-08-15-a-15.00.50.jpg?w=1400&amp;ssl=1 1400w\" width=\"463\" height=\"308\" loading=\"lazy\" data-original-width=\"463\" data-original-height=\"308\" itemprop=\"http:\/\/schema.org\/image\" title=\"Capture d\u2019e\u0301cran, le 2024-08-15 a\u0300 15.00.50\" alt=\"Capture d\u2019e\u0301cran, le 2024-08-15 a\u0300 15.00.50\" style=\"width: 463px; height: 308px;\" \/> <\/a> <\/div> <\/div> <!-- close group --> <div class=\"gallery-group images-2\" style=\"width: 233px; height: 312px;\" data-original-width=\"233\" data-original-height=\"312\" > <div class=\"tiled-gallery-item tiled-gallery-item-small\" itemprop=\"associatedMedia\" itemscope itemtype=\"http:\/\/schema.org\/ImageObject\"> <a href=\"https:\/\/itayachtscanada.com\/fr\/listing\/riva-90-argo-2023-9950000-usd-for-sale\/capture-decran-le-2024-08-15-a-15-01-13\/\" border=\"0\" itemprop=\"url\"> <meta itemprop=\"width\" content=\"229\"> <meta itemprop=\"height\" content=\"152\"> <img decoding=\"async\" class=\"\" data-attachment-id=\"173548\" data-orig-file=\"https:\/\/itayachtscanada.com\/wp-content\/uploads\/2024\/08\/Capture-decran-le-2024-08-15-a-15.01.13.jpg\" data-orig-size=\"1886,1248\" data-comments-opened=\"1\" data-image-meta=\"{&quot;aperture&quot;:&quot;0&quot;,&quot;credit&quot;:&quot;&quot;,&quot;camera&quot;:&quot;&quot;,&quot;caption&quot;:&quot;&quot;,&quot;created_timestamp&quot;:&quot;0&quot;,&quot;copyright&quot;:&quot;&quot;,&quot;focal_length&quot;:&quot;0&quot;,&quot;iso&quot;:&quot;0&quot;,&quot;shutter_speed&quot;:&quot;0&quot;,&quot;title&quot;:&quot;&quot;,&quot;orientation&quot;:&quot;0&quot;}\" data-image-title=\"Capture d\u2019e\u0301cran, le 2024-08-15 a\u0300 15.01.13\" data-image-description=\"\" data-medium-file=\"https:\/\/i0.wp.com\/itayachtscanada.com\/wp-content\/uploads\/2024\/08\/Capture-decran-le-2024-08-15-a-15.01.13.jpg?fit=300%2C199&#038;ssl=1\" data-large-file=\"https:\/\/i0.wp.com\/itayachtscanada.com\/wp-content\/uploads\/2024\/08\/Capture-decran-le-2024-08-15-a-15.01.13.jpg?fit=700%2C463&#038;ssl=1\" src=\"https:\/\/i0.wp.com\/itayachtscanada.com\/wp-content\/uploads\/2024\/08\/Capture-decran-le-2024-08-15-a-15.01.13.jpg?w=229&#038;h=152&#038;ssl=1\" srcset=\"https:\/\/i0.wp.com\/itayachtscanada.com\/wp-content\/uploads\/2024\/08\/Capture-decran-le-2024-08-15-a-15.01.13.jpg?w=1886&amp;ssl=1 1886w, https:\/\/i0.wp.com\/itayachtscanada.com\/wp-content\/uploads\/2024\/08\/Capture-decran-le-2024-08-15-a-15.01.13.jpg?resize=300%2C199&amp;ssl=1 300w, https:\/\/i0.wp.com\/itayachtscanada.com\/wp-content\/uploads\/2024\/08\/Capture-decran-le-2024-08-15-a-15.01.13.jpg?resize=1024%2C678&amp;ssl=1 1024w, https:\/\/i0.wp.com\/itayachtscanada.com\/wp-content\/uploads\/2024\/08\/Capture-decran-le-2024-08-15-a-15.01.13.jpg?resize=768%2C508&amp;ssl=1 768w, https:\/\/i0.wp.com\/itayachtscanada.com\/wp-content\/uploads\/2024\/08\/Capture-decran-le-2024-08-15-a-15.01.13.jpg?resize=1536%2C1016&amp;ssl=1 1536w, https:\/\/i0.wp.com\/itayachtscanada.com\/wp-content\/uploads\/2024\/08\/Capture-decran-le-2024-08-15-a-15.01.13.jpg?resize=700%2C463&amp;ssl=1 700w, https:\/\/i0.wp.com\/itayachtscanada.com\/wp-content\/uploads\/2024\/08\/Capture-decran-le-2024-08-15-a-15.01.13.jpg?resize=900%2C600&amp;ssl=1 900w, https:\/\/i0.wp.com\/itayachtscanada.com\/wp-content\/uploads\/2024\/08\/Capture-decran-le-2024-08-15-a-15.01.13.jpg?resize=604%2C400&amp;ssl=1 604w, https:\/\/i0.wp.com\/itayachtscanada.com\/wp-content\/uploads\/2024\/08\/Capture-decran-le-2024-08-15-a-15.01.13.jpg?w=1400&amp;ssl=1 1400w\" width=\"229\" height=\"152\" loading=\"lazy\" data-original-width=\"229\" data-original-height=\"152\" itemprop=\"http:\/\/schema.org\/image\" title=\"Capture d\u2019e\u0301cran, le 2024-08-15 a\u0300 15.01.13\" alt=\"Capture d\u2019e\u0301cran, le 2024-08-15 a\u0300 15.01.13\" style=\"width: 229px; height: 152px;\" \/> <\/a> <\/div> <div class=\"tiled-gallery-item tiled-gallery-item-small\" itemprop=\"associatedMedia\" itemscope itemtype=\"http:\/\/schema.org\/ImageObject\"> <a href=\"https:\/\/itayachtscanada.com\/fr\/listing\/riva-90-argo-2023-9950000-usd-for-sale\/capture-decran-le-2024-08-15-a-15-00-04\/\" border=\"0\" itemprop=\"url\"> <meta itemprop=\"width\" content=\"229\"> <meta itemprop=\"height\" content=\"152\"> <img decoding=\"async\" class=\"\" data-attachment-id=\"173560\" data-orig-file=\"https:\/\/itayachtscanada.com\/wp-content\/uploads\/2024\/08\/Capture-decran-le-2024-08-15-a-15.00.04.jpg\" data-orig-size=\"1808,1204\" data-comments-opened=\"1\" data-image-meta=\"{&quot;aperture&quot;:&quot;0&quot;,&quot;credit&quot;:&quot;&quot;,&quot;camera&quot;:&quot;&quot;,&quot;caption&quot;:&quot;&quot;,&quot;created_timestamp&quot;:&quot;0&quot;,&quot;copyright&quot;:&quot;&quot;,&quot;focal_length&quot;:&quot;0&quot;,&quot;iso&quot;:&quot;0&quot;,&quot;shutter_speed&quot;:&quot;0&quot;,&quot;title&quot;:&quot;&quot;,&quot;orientation&quot;:&quot;0&quot;}\" data-image-title=\"Capture d\u2019e\u0301cran, le 2024-08-15 a\u0300 15.00.04\" data-image-description=\"\" data-medium-file=\"https:\/\/i0.wp.com\/itayachtscanada.com\/wp-content\/uploads\/2024\/08\/Capture-decran-le-2024-08-15-a-15.00.04.jpg?fit=300%2C200&#038;ssl=1\" data-large-file=\"https:\/\/i0.wp.com\/itayachtscanada.com\/wp-content\/uploads\/2024\/08\/Capture-decran-le-2024-08-15-a-15.00.04.jpg?fit=700%2C466&#038;ssl=1\" src=\"https:\/\/i0.wp.com\/itayachtscanada.com\/wp-content\/uploads\/2024\/08\/Capture-decran-le-2024-08-15-a-15.00.04.jpg?w=229&#038;h=152&#038;ssl=1\" srcset=\"https:\/\/i0.wp.com\/itayachtscanada.com\/wp-content\/uploads\/2024\/08\/Capture-decran-le-2024-08-15-a-15.00.04.jpg?w=1808&amp;ssl=1 1808w, https:\/\/i0.wp.com\/itayachtscanada.com\/wp-content\/uploads\/2024\/08\/Capture-decran-le-2024-08-15-a-15.00.04.jpg?resize=300%2C200&amp;ssl=1 300w, https:\/\/i0.wp.com\/itayachtscanada.com\/wp-content\/uploads\/2024\/08\/Capture-decran-le-2024-08-15-a-15.00.04.jpg?resize=1024%2C682&amp;ssl=1 1024w, https:\/\/i0.wp.com\/itayachtscanada.com\/wp-content\/uploads\/2024\/08\/Capture-decran-le-2024-08-15-a-15.00.04.jpg?resize=768%2C511&amp;ssl=1 768w, https:\/\/i0.wp.com\/itayachtscanada.com\/wp-content\/uploads\/2024\/08\/Capture-decran-le-2024-08-15-a-15.00.04.jpg?resize=1536%2C1023&amp;ssl=1 1536w, https:\/\/i0.wp.com\/itayachtscanada.com\/wp-content\/uploads\/2024\/08\/Capture-decran-le-2024-08-15-a-15.00.04.jpg?resize=700%2C466&amp;ssl=1 700w, https:\/\/i0.wp.com\/itayachtscanada.com\/wp-content\/uploads\/2024\/08\/Capture-decran-le-2024-08-15-a-15.00.04.jpg?resize=900%2C600&amp;ssl=1 900w, https:\/\/i0.wp.com\/itayachtscanada.com\/wp-content\/uploads\/2024\/08\/Capture-decran-le-2024-08-15-a-15.00.04.jpg?resize=601%2C400&amp;ssl=1 601w, https:\/\/i0.wp.com\/itayachtscanada.com\/wp-content\/uploads\/2024\/08\/Capture-decran-le-2024-08-15-a-15.00.04.jpg?w=1400&amp;ssl=1 1400w\" width=\"229\" height=\"152\" loading=\"lazy\" data-original-width=\"229\" data-original-height=\"152\" itemprop=\"http:\/\/schema.org\/image\" title=\"Capture d\u2019e\u0301cran, le 2024-08-15 a\u0300 15.00.04\" alt=\"Capture d\u2019e\u0301cran, le 2024-08-15 a\u0300 15.00.04\" style=\"width: 229px; height: 152px;\" \/> <\/a> <\/div> <\/div> <!-- close group --> <\/div> <!-- close row --> <div class=\"gallery-row\" style=\"width: 700px; height: 232px;\" data-original-width=\"700\" data-original-height=\"232\" > <div class=\"gallery-group images-1\" style=\"width: 353px; height: 232px;\" data-original-width=\"353\" data-original-height=\"232\" > <div class=\"tiled-gallery-item tiled-gallery-item-large\" itemprop=\"associatedMedia\" itemscope itemtype=\"http:\/\/schema.org\/ImageObject\"> <a href=\"https:\/\/itayachtscanada.com\/fr\/listing\/riva-90-argo-2023-9950000-usd-for-sale\/capture-decran-le-2024-08-15-a-15-00-00\/\" border=\"0\" itemprop=\"url\"> <meta itemprop=\"width\" content=\"349\"> <meta itemprop=\"height\" content=\"228\"> <img decoding=\"async\" class=\"\" data-attachment-id=\"173561\" data-orig-file=\"https:\/\/itayachtscanada.com\/wp-content\/uploads\/2024\/08\/Capture-decran-le-2024-08-15-a-15.00.00.jpg\" data-orig-size=\"1808,1182\" data-comments-opened=\"1\" data-image-meta=\"{&quot;aperture&quot;:&quot;0&quot;,&quot;credit&quot;:&quot;&quot;,&quot;camera&quot;:&quot;&quot;,&quot;caption&quot;:&quot;&quot;,&quot;created_timestamp&quot;:&quot;0&quot;,&quot;copyright&quot;:&quot;&quot;,&quot;focal_length&quot;:&quot;0&quot;,&quot;iso&quot;:&quot;0&quot;,&quot;shutter_speed&quot;:&quot;0&quot;,&quot;title&quot;:&quot;&quot;,&quot;orientation&quot;:&quot;0&quot;}\" data-image-title=\"Capture d\u2019e\u0301cran, le 2024-08-15 a\u0300 15.00.00\" data-image-description=\"\" data-medium-file=\"https:\/\/i0.wp.com\/itayachtscanada.com\/wp-content\/uploads\/2024\/08\/Capture-decran-le-2024-08-15-a-15.00.00.jpg?fit=300%2C196&#038;ssl=1\" data-large-file=\"https:\/\/i0.wp.com\/itayachtscanada.com\/wp-content\/uploads\/2024\/08\/Capture-decran-le-2024-08-15-a-15.00.00.jpg?fit=700%2C457&#038;ssl=1\" src=\"https:\/\/i0.wp.com\/itayachtscanada.com\/wp-content\/uploads\/2024\/08\/Capture-decran-le-2024-08-15-a-15.00.00.jpg?w=349&#038;h=228&#038;ssl=1\" srcset=\"https:\/\/i0.wp.com\/itayachtscanada.com\/wp-content\/uploads\/2024\/08\/Capture-decran-le-2024-08-15-a-15.00.00.jpg?w=1808&amp;ssl=1 1808w, https:\/\/i0.wp.com\/itayachtscanada.com\/wp-content\/uploads\/2024\/08\/Capture-decran-le-2024-08-15-a-15.00.00.jpg?resize=300%2C196&amp;ssl=1 300w, https:\/\/i0.wp.com\/itayachtscanada.com\/wp-content\/uploads\/2024\/08\/Capture-decran-le-2024-08-15-a-15.00.00.jpg?resize=1024%2C669&amp;ssl=1 1024w, https:\/\/i0.wp.com\/itayachtscanada.com\/wp-content\/uploads\/2024\/08\/Capture-decran-le-2024-08-15-a-15.00.00.jpg?resize=768%2C502&amp;ssl=1 768w, https:\/\/i0.wp.com\/itayachtscanada.com\/wp-content\/uploads\/2024\/08\/Capture-decran-le-2024-08-15-a-15.00.00.jpg?resize=1536%2C1004&amp;ssl=1 1536w, https:\/\/i0.wp.com\/itayachtscanada.com\/wp-content\/uploads\/2024\/08\/Capture-decran-le-2024-08-15-a-15.00.00.jpg?resize=700%2C458&amp;ssl=1 700w, https:\/\/i0.wp.com\/itayachtscanada.com\/wp-content\/uploads\/2024\/08\/Capture-decran-le-2024-08-15-a-15.00.00.jpg?resize=612%2C400&amp;ssl=1 612w, https:\/\/i0.wp.com\/itayachtscanada.com\/wp-content\/uploads\/2024\/08\/Capture-decran-le-2024-08-15-a-15.00.00.jpg?w=1400&amp;ssl=1 1400w\" width=\"349\" height=\"228\" loading=\"lazy\" data-original-width=\"349\" data-original-height=\"228\" itemprop=\"http:\/\/schema.org\/image\" title=\"Capture d\u2019e\u0301cran, le 2024-08-15 a\u0300 15.00.00\" alt=\"Capture d\u2019e\u0301cran, le 2024-08-15 a\u0300 15.00.00\" style=\"width: 349px; height: 228px;\" \/> <\/a> <\/div> <\/div> <!-- close group --> <div class=\"gallery-group images-1\" style=\"width: 347px; height: 232px;\" data-original-width=\"347\" data-original-height=\"232\" > <div class=\"tiled-gallery-item tiled-gallery-item-large\" itemprop=\"associatedMedia\" itemscope itemtype=\"http:\/\/schema.org\/ImageObject\"> <a href=\"https:\/\/itayachtscanada.com\/fr\/listing\/riva-90-argo-2023-9950000-usd-for-sale\/capture-decran-le-2024-08-15-a-15-00-25\/\" border=\"0\" itemprop=\"url\"> <meta itemprop=\"width\" content=\"343\"> <meta itemprop=\"height\" content=\"228\"> <img decoding=\"async\" class=\"\" data-attachment-id=\"173556\" data-orig-file=\"https:\/\/itayachtscanada.com\/wp-content\/uploads\/2024\/08\/Capture-decran-le-2024-08-15-a-15.00.25.jpg\" data-orig-size=\"1808,1204\" data-comments-opened=\"1\" data-image-meta=\"{&quot;aperture&quot;:&quot;0&quot;,&quot;credit&quot;:&quot;&quot;,&quot;camera&quot;:&quot;&quot;,&quot;caption&quot;:&quot;&quot;,&quot;created_timestamp&quot;:&quot;0&quot;,&quot;copyright&quot;:&quot;&quot;,&quot;focal_length&quot;:&quot;0&quot;,&quot;iso&quot;:&quot;0&quot;,&quot;shutter_speed&quot;:&quot;0&quot;,&quot;title&quot;:&quot;&quot;,&quot;orientation&quot;:&quot;0&quot;}\" data-image-title=\"Capture d\u2019e\u0301cran, le 2024-08-15 a\u0300 15.00.25\" data-image-description=\"\" data-medium-file=\"https:\/\/i0.wp.com\/itayachtscanada.com\/wp-content\/uploads\/2024\/08\/Capture-decran-le-2024-08-15-a-15.00.25.jpg?fit=300%2C200&#038;ssl=1\" data-large-file=\"https:\/\/i0.wp.com\/itayachtscanada.com\/wp-content\/uploads\/2024\/08\/Capture-decran-le-2024-08-15-a-15.00.25.jpg?fit=700%2C466&#038;ssl=1\" src=\"https:\/\/i0.wp.com\/itayachtscanada.com\/wp-content\/uploads\/2024\/08\/Capture-decran-le-2024-08-15-a-15.00.25.jpg?w=343&#038;h=228&#038;ssl=1\" srcset=\"https:\/\/i0.wp.com\/itayachtscanada.com\/wp-content\/uploads\/2024\/08\/Capture-decran-le-2024-08-15-a-15.00.25.jpg?w=1808&amp;ssl=1 1808w, https:\/\/i0.wp.com\/itayachtscanada.com\/wp-content\/uploads\/2024\/08\/Capture-decran-le-2024-08-15-a-15.00.25.jpg?resize=300%2C200&amp;ssl=1 300w, https:\/\/i0.wp.com\/itayachtscanada.com\/wp-content\/uploads\/2024\/08\/Capture-decran-le-2024-08-15-a-15.00.25.jpg?resize=1024%2C682&amp;ssl=1 1024w, https:\/\/i0.wp.com\/itayachtscanada.com\/wp-content\/uploads\/2024\/08\/Capture-decran-le-2024-08-15-a-15.00.25.jpg?resize=768%2C511&amp;ssl=1 768w, https:\/\/i0.wp.com\/itayachtscanada.com\/wp-content\/uploads\/2024\/08\/Capture-decran-le-2024-08-15-a-15.00.25.jpg?resize=1536%2C1023&amp;ssl=1 1536w, https:\/\/i0.wp.com\/itayachtscanada.com\/wp-content\/uploads\/2024\/08\/Capture-decran-le-2024-08-15-a-15.00.25.jpg?resize=700%2C466&amp;ssl=1 700w, https:\/\/i0.wp.com\/itayachtscanada.com\/wp-content\/uploads\/2024\/08\/Capture-decran-le-2024-08-15-a-15.00.25.jpg?resize=900%2C600&amp;ssl=1 900w, https:\/\/i0.wp.com\/itayachtscanada.com\/wp-content\/uploads\/2024\/08\/Capture-decran-le-2024-08-15-a-15.00.25.jpg?resize=601%2C400&amp;ssl=1 601w, https:\/\/i0.wp.com\/itayachtscanada.com\/wp-content\/uploads\/2024\/08\/Capture-decran-le-2024-08-15-a-15.00.25.jpg?w=1400&amp;ssl=1 1400w\" width=\"343\" height=\"228\" loading=\"lazy\" data-original-width=\"343\" data-original-height=\"228\" itemprop=\"http:\/\/schema.org\/image\" title=\"Capture d\u2019e\u0301cran, le 2024-08-15 a\u0300 15.00.25\" alt=\"Capture d\u2019e\u0301cran, le 2024-08-15 a\u0300 15.00.25\" style=\"width: 343px; height: 228px;\" \/> <\/a> <\/div> <\/div> <!-- close group --> <\/div> <!-- close row --> <div class=\"gallery-row\" style=\"width: 700px; height: 157px;\" data-original-width=\"700\" data-original-height=\"157\" > <div class=\"gallery-group images-1\" style=\"width: 234px; height: 157px;\" data-original-width=\"234\" data-original-height=\"157\" > <div class=\"tiled-gallery-item tiled-gallery-item-small\" itemprop=\"associatedMedia\" itemscope itemtype=\"http:\/\/schema.org\/ImageObject\"> <a href=\"https:\/\/itayachtscanada.com\/fr\/listing\/riva-90-argo-2023-9950000-usd-for-sale\/capture-decran-le-2024-08-15-a-15-00-12\/\" border=\"0\" itemprop=\"url\"> <meta itemprop=\"width\" content=\"230\"> <meta itemprop=\"height\" content=\"153\"> <img decoding=\"async\" class=\"\" data-attachment-id=\"173559\" data-orig-file=\"https:\/\/itayachtscanada.com\/wp-content\/uploads\/2024\/08\/Capture-decran-le-2024-08-15-a-15.00.12.jpg\" data-orig-size=\"1808,1204\" data-comments-opened=\"1\" data-image-meta=\"{&quot;aperture&quot;:&quot;0&quot;,&quot;credit&quot;:&quot;&quot;,&quot;camera&quot;:&quot;&quot;,&quot;caption&quot;:&quot;&quot;,&quot;created_timestamp&quot;:&quot;0&quot;,&quot;copyright&quot;:&quot;&quot;,&quot;focal_length&quot;:&quot;0&quot;,&quot;iso&quot;:&quot;0&quot;,&quot;shutter_speed&quot;:&quot;0&quot;,&quot;title&quot;:&quot;&quot;,&quot;orientation&quot;:&quot;0&quot;}\" data-image-title=\"Capture d\u2019e\u0301cran, le 2024-08-15 a\u0300 15.00.12\" data-image-description=\"\" data-medium-file=\"https:\/\/i0.wp.com\/itayachtscanada.com\/wp-content\/uploads\/2024\/08\/Capture-decran-le-2024-08-15-a-15.00.12.jpg?fit=300%2C200&#038;ssl=1\" data-large-file=\"https:\/\/i0.wp.com\/itayachtscanada.com\/wp-content\/uploads\/2024\/08\/Capture-decran-le-2024-08-15-a-15.00.12.jpg?fit=700%2C466&#038;ssl=1\" src=\"https:\/\/i0.wp.com\/itayachtscanada.com\/wp-content\/uploads\/2024\/08\/Capture-decran-le-2024-08-15-a-15.00.12.jpg?w=230&#038;h=153&#038;ssl=1\" srcset=\"https:\/\/i0.wp.com\/itayachtscanada.com\/wp-content\/uploads\/2024\/08\/Capture-decran-le-2024-08-15-a-15.00.12.jpg?w=1808&amp;ssl=1 1808w, https:\/\/i0.wp.com\/itayachtscanada.com\/wp-content\/uploads\/2024\/08\/Capture-decran-le-2024-08-15-a-15.00.12.jpg?resize=300%2C200&amp;ssl=1 300w, https:\/\/i0.wp.com\/itayachtscanada.com\/wp-content\/uploads\/2024\/08\/Capture-decran-le-2024-08-15-a-15.00.12.jpg?resize=1024%2C682&amp;ssl=1 1024w, https:\/\/i0.wp.com\/itayachtscanada.com\/wp-content\/uploads\/2024\/08\/Capture-decran-le-2024-08-15-a-15.00.12.jpg?resize=768%2C511&amp;ssl=1 768w, https:\/\/i0.wp.com\/itayachtscanada.com\/wp-content\/uploads\/2024\/08\/Capture-decran-le-2024-08-15-a-15.00.12.jpg?resize=1536%2C1023&amp;ssl=1 1536w, https:\/\/i0.wp.com\/itayachtscanada.com\/wp-content\/uploads\/2024\/08\/Capture-decran-le-2024-08-15-a-15.00.12.jpg?resize=700%2C466&amp;ssl=1 700w, https:\/\/i0.wp.com\/itayachtscanada.com\/wp-content\/uploads\/2024\/08\/Capture-decran-le-2024-08-15-a-15.00.12.jpg?resize=900%2C600&amp;ssl=1 900w, https:\/\/i0.wp.com\/itayachtscanada.com\/wp-content\/uploads\/2024\/08\/Capture-decran-le-2024-08-15-a-15.00.12.jpg?resize=601%2C400&amp;ssl=1 601w, https:\/\/i0.wp.com\/itayachtscanada.com\/wp-content\/uploads\/2024\/08\/Capture-decran-le-2024-08-15-a-15.00.12.jpg?w=1400&amp;ssl=1 1400w\" width=\"230\" height=\"153\" loading=\"lazy\" data-original-width=\"230\" data-original-height=\"153\" itemprop=\"http:\/\/schema.org\/image\" title=\"Capture d\u2019e\u0301cran, le 2024-08-15 a\u0300 15.00.12\" alt=\"Capture d\u2019e\u0301cran, le 2024-08-15 a\u0300 15.00.12\" style=\"width: 230px; height: 153px;\" \/> <\/a> <\/div> <\/div> <!-- close group --> <div class=\"gallery-group images-1\" style=\"width: 233px; height: 157px;\" data-original-width=\"233\" data-original-height=\"157\" > <div class=\"tiled-gallery-item tiled-gallery-item-small\" itemprop=\"associatedMedia\" itemscope itemtype=\"http:\/\/schema.org\/ImageObject\"> <a href=\"https:\/\/itayachtscanada.com\/fr\/listing\/riva-90-argo-2023-9950000-usd-for-sale\/capture-decran-le-2024-08-15-a-15-00-16\/\" border=\"0\" itemprop=\"url\"> <meta itemprop=\"width\" content=\"229\"> <meta itemprop=\"height\" content=\"153\"> <img decoding=\"async\" class=\"\" data-attachment-id=\"173558\" data-orig-file=\"https:\/\/itayachtscanada.com\/wp-content\/uploads\/2024\/08\/Capture-decran-le-2024-08-15-a-15.00.16.jpg\" data-orig-size=\"1808,1204\" data-comments-opened=\"1\" data-image-meta=\"{&quot;aperture&quot;:&quot;0&quot;,&quot;credit&quot;:&quot;&quot;,&quot;camera&quot;:&quot;&quot;,&quot;caption&quot;:&quot;&quot;,&quot;created_timestamp&quot;:&quot;0&quot;,&quot;copyright&quot;:&quot;&quot;,&quot;focal_length&quot;:&quot;0&quot;,&quot;iso&quot;:&quot;0&quot;,&quot;shutter_speed&quot;:&quot;0&quot;,&quot;title&quot;:&quot;&quot;,&quot;orientation&quot;:&quot;0&quot;}\" data-image-title=\"Capture d\u2019e\u0301cran, le 2024-08-15 a\u0300 15.00.16\" data-image-description=\"\" data-medium-file=\"https:\/\/i0.wp.com\/itayachtscanada.com\/wp-content\/uploads\/2024\/08\/Capture-decran-le-2024-08-15-a-15.00.16.jpg?fit=300%2C200&#038;ssl=1\" data-large-file=\"https:\/\/i0.wp.com\/itayachtscanada.com\/wp-content\/uploads\/2024\/08\/Capture-decran-le-2024-08-15-a-15.00.16.jpg?fit=700%2C466&#038;ssl=1\" src=\"https:\/\/i0.wp.com\/itayachtscanada.com\/wp-content\/uploads\/2024\/08\/Capture-decran-le-2024-08-15-a-15.00.16.jpg?w=229&#038;h=153&#038;ssl=1\" srcset=\"https:\/\/i0.wp.com\/itayachtscanada.com\/wp-content\/uploads\/2024\/08\/Capture-decran-le-2024-08-15-a-15.00.16.jpg?w=1808&amp;ssl=1 1808w, https:\/\/i0.wp.com\/itayachtscanada.com\/wp-content\/uploads\/2024\/08\/Capture-decran-le-2024-08-15-a-15.00.16.jpg?resize=300%2C200&amp;ssl=1 300w, https:\/\/i0.wp.com\/itayachtscanada.com\/wp-content\/uploads\/2024\/08\/Capture-decran-le-2024-08-15-a-15.00.16.jpg?resize=1024%2C682&amp;ssl=1 1024w, https:\/\/i0.wp.com\/itayachtscanada.com\/wp-content\/uploads\/2024\/08\/Capture-decran-le-2024-08-15-a-15.00.16.jpg?resize=768%2C511&amp;ssl=1 768w, https:\/\/i0.wp.com\/itayachtscanada.com\/wp-content\/uploads\/2024\/08\/Capture-decran-le-2024-08-15-a-15.00.16.jpg?resize=1536%2C1023&amp;ssl=1 1536w, https:\/\/i0.wp.com\/itayachtscanada.com\/wp-content\/uploads\/2024\/08\/Capture-decran-le-2024-08-15-a-15.00.16.jpg?resize=700%2C466&amp;ssl=1 700w, https:\/\/i0.wp.com\/itayachtscanada.com\/wp-content\/uploads\/2024\/08\/Capture-decran-le-2024-08-15-a-15.00.16.jpg?resize=900%2C600&amp;ssl=1 900w, https:\/\/i0.wp.com\/itayachtscanada.com\/wp-content\/uploads\/2024\/08\/Capture-decran-le-2024-08-15-a-15.00.16.jpg?resize=601%2C400&amp;ssl=1 601w, https:\/\/i0.wp.com\/itayachtscanada.com\/wp-content\/uploads\/2024\/08\/Capture-decran-le-2024-08-15-a-15.00.16.jpg?w=1400&amp;ssl=1 1400w\" width=\"229\" height=\"153\" loading=\"lazy\" data-original-width=\"229\" data-original-height=\"153\" itemprop=\"http:\/\/schema.org\/image\" title=\"Capture d\u2019e\u0301cran, le 2024-08-15 a\u0300 15.00.16\" alt=\"Capture d\u2019e\u0301cran, le 2024-08-15 a\u0300 15.00.16\" style=\"width: 229px; height: 153px;\" \/> <\/a> <\/div> <\/div> <!-- close group --> <div class=\"gallery-group images-1\" style=\"width: 233px; height: 157px;\" data-original-width=\"233\" data-original-height=\"157\" > <div class=\"tiled-gallery-item tiled-gallery-item-small\" itemprop=\"associatedMedia\" itemscope itemtype=\"http:\/\/schema.org\/ImageObject\"> <a href=\"https:\/\/itayachtscanada.com\/fr\/listing\/riva-90-argo-2023-9950000-usd-for-sale\/capture-decran-le-2024-08-15-a-15-00-21\/\" border=\"0\" itemprop=\"url\"> <meta itemprop=\"width\" content=\"229\"> <meta itemprop=\"height\" content=\"153\"> <img decoding=\"async\" class=\"\" data-attachment-id=\"173557\" data-orig-file=\"https:\/\/itayachtscanada.com\/wp-content\/uploads\/2024\/08\/Capture-decran-le-2024-08-15-a-15.00.21.jpg\" data-orig-size=\"1808,1204\" data-comments-opened=\"1\" data-image-meta=\"{&quot;aperture&quot;:&quot;0&quot;,&quot;credit&quot;:&quot;&quot;,&quot;camera&quot;:&quot;&quot;,&quot;caption&quot;:&quot;&quot;,&quot;created_timestamp&quot;:&quot;0&quot;,&quot;copyright&quot;:&quot;&quot;,&quot;focal_length&quot;:&quot;0&quot;,&quot;iso&quot;:&quot;0&quot;,&quot;shutter_speed&quot;:&quot;0&quot;,&quot;title&quot;:&quot;&quot;,&quot;orientation&quot;:&quot;0&quot;}\" data-image-title=\"Capture d\u2019e\u0301cran, le 2024-08-15 a\u0300 15.00.21\" data-image-description=\"\" data-medium-file=\"https:\/\/i0.wp.com\/itayachtscanada.com\/wp-content\/uploads\/2024\/08\/Capture-decran-le-2024-08-15-a-15.00.21.jpg?fit=300%2C200&#038;ssl=1\" data-large-file=\"https:\/\/i0.wp.com\/itayachtscanada.com\/wp-content\/uploads\/2024\/08\/Capture-decran-le-2024-08-15-a-15.00.21.jpg?fit=700%2C466&#038;ssl=1\" src=\"https:\/\/i0.wp.com\/itayachtscanada.com\/wp-content\/uploads\/2024\/08\/Capture-decran-le-2024-08-15-a-15.00.21.jpg?w=229&#038;h=153&#038;ssl=1\" srcset=\"https:\/\/i0.wp.com\/itayachtscanada.com\/wp-content\/uploads\/2024\/08\/Capture-decran-le-2024-08-15-a-15.00.21.jpg?w=1808&amp;ssl=1 1808w, https:\/\/i0.wp.com\/itayachtscanada.com\/wp-content\/uploads\/2024\/08\/Capture-decran-le-2024-08-15-a-15.00.21.jpg?resize=300%2C200&amp;ssl=1 300w, https:\/\/i0.wp.com\/itayachtscanada.com\/wp-content\/uploads\/2024\/08\/Capture-decran-le-2024-08-15-a-15.00.21.jpg?resize=1024%2C682&amp;ssl=1 1024w, https:\/\/i0.wp.com\/itayachtscanada.com\/wp-content\/uploads\/2024\/08\/Capture-decran-le-2024-08-15-a-15.00.21.jpg?resize=768%2C511&amp;ssl=1 768w, https:\/\/i0.wp.com\/itayachtscanada.com\/wp-content\/uploads\/2024\/08\/Capture-decran-le-2024-08-15-a-15.00.21.jpg?resize=1536%2C1023&amp;ssl=1 1536w, https:\/\/i0.wp.com\/itayachtscanada.com\/wp-content\/uploads\/2024\/08\/Capture-decran-le-2024-08-15-a-15.00.21.jpg?resize=700%2C466&amp;ssl=1 700w, https:\/\/i0.wp.com\/itayachtscanada.com\/wp-content\/uploads\/2024\/08\/Capture-decran-le-2024-08-15-a-15.00.21.jpg?resize=900%2C600&amp;ssl=1 900w, https:\/\/i0.wp.com\/itayachtscanada.com\/wp-content\/uploads\/2024\/08\/Capture-decran-le-2024-08-15-a-15.00.21.jpg?resize=601%2C400&amp;ssl=1 601w, https:\/\/i0.wp.com\/itayachtscanada.com\/wp-content\/uploads\/2024\/08\/Capture-decran-le-2024-08-15-a-15.00.21.jpg?w=1400&amp;ssl=1 1400w\" width=\"229\" height=\"153\" loading=\"lazy\" data-original-width=\"229\" data-original-height=\"153\" itemprop=\"http:\/\/schema.org\/image\" title=\"Capture d\u2019e\u0301cran, le 2024-08-15 a\u0300 15.00.21\" alt=\"Capture d\u2019e\u0301cran, le 2024-08-15 a\u0300 15.00.21\" style=\"width: 229px; height: 153px;\" \/> <\/a> <\/div> <\/div> <!-- close group --> <\/div> <!-- close row --> <div class=\"gallery-row\" style=\"width: 700px; height: 314px;\" data-original-width=\"700\" data-original-height=\"314\" > <div class=\"gallery-group images-2\" style=\"width: 230px; height: 314px;\" data-original-width=\"230\" data-original-height=\"314\" > <div class=\"tiled-gallery-item tiled-gallery-item-small\" itemprop=\"associatedMedia\" itemscope itemtype=\"http:\/\/schema.org\/ImageObject\"> <a href=\"https:\/\/itayachtscanada.com\/fr\/listing\/riva-90-argo-2023-9950000-usd-for-sale\/capture-decran-le-2024-08-15-a-15-01-09\/\" border=\"0\" itemprop=\"url\"> <meta itemprop=\"width\" content=\"226\"> <meta itemprop=\"height\" content=\"156\"> <img decoding=\"async\" class=\"\" data-attachment-id=\"173549\" data-orig-file=\"https:\/\/itayachtscanada.com\/wp-content\/uploads\/2024\/08\/Capture-decran-le-2024-08-15-a-15.01.09.jpg\" data-orig-size=\"1808,1248\" data-comments-opened=\"1\" data-image-meta=\"{&quot;aperture&quot;:&quot;0&quot;,&quot;credit&quot;:&quot;&quot;,&quot;camera&quot;:&quot;&quot;,&quot;caption&quot;:&quot;&quot;,&quot;created_timestamp&quot;:&quot;0&quot;,&quot;copyright&quot;:&quot;&quot;,&quot;focal_length&quot;:&quot;0&quot;,&quot;iso&quot;:&quot;0&quot;,&quot;shutter_speed&quot;:&quot;0&quot;,&quot;title&quot;:&quot;&quot;,&quot;orientation&quot;:&quot;0&quot;}\" data-image-title=\"Capture d\u2019e\u0301cran, le 2024-08-15 a\u0300 15.01.09\" data-image-description=\"\" data-medium-file=\"https:\/\/i0.wp.com\/itayachtscanada.com\/wp-content\/uploads\/2024\/08\/Capture-decran-le-2024-08-15-a-15.01.09.jpg?fit=300%2C207&#038;ssl=1\" data-large-file=\"https:\/\/i0.wp.com\/itayachtscanada.com\/wp-content\/uploads\/2024\/08\/Capture-decran-le-2024-08-15-a-15.01.09.jpg?fit=700%2C483&#038;ssl=1\" src=\"https:\/\/i0.wp.com\/itayachtscanada.com\/wp-content\/uploads\/2024\/08\/Capture-decran-le-2024-08-15-a-15.01.09.jpg?w=226&#038;h=156&#038;ssl=1\" srcset=\"https:\/\/i0.wp.com\/itayachtscanada.com\/wp-content\/uploads\/2024\/08\/Capture-decran-le-2024-08-15-a-15.01.09.jpg?w=1808&amp;ssl=1 1808w, https:\/\/i0.wp.com\/itayachtscanada.com\/wp-content\/uploads\/2024\/08\/Capture-decran-le-2024-08-15-a-15.01.09.jpg?resize=300%2C207&amp;ssl=1 300w, https:\/\/i0.wp.com\/itayachtscanada.com\/wp-content\/uploads\/2024\/08\/Capture-decran-le-2024-08-15-a-15.01.09.jpg?resize=1024%2C707&amp;ssl=1 1024w, https:\/\/i0.wp.com\/itayachtscanada.com\/wp-content\/uploads\/2024\/08\/Capture-decran-le-2024-08-15-a-15.01.09.jpg?resize=768%2C530&amp;ssl=1 768w, https:\/\/i0.wp.com\/itayachtscanada.com\/wp-content\/uploads\/2024\/08\/Capture-decran-le-2024-08-15-a-15.01.09.jpg?resize=1536%2C1060&amp;ssl=1 1536w, https:\/\/i0.wp.com\/itayachtscanada.com\/wp-content\/uploads\/2024\/08\/Capture-decran-le-2024-08-15-a-15.01.09.jpg?resize=700%2C483&amp;ssl=1 700w, https:\/\/i0.wp.com\/itayachtscanada.com\/wp-content\/uploads\/2024\/08\/Capture-decran-le-2024-08-15-a-15.01.09.jpg?resize=579%2C400&amp;ssl=1 579w, https:\/\/i0.wp.com\/itayachtscanada.com\/wp-content\/uploads\/2024\/08\/Capture-decran-le-2024-08-15-a-15.01.09.jpg?w=1400&amp;ssl=1 1400w\" width=\"226\" height=\"156\" loading=\"lazy\" data-original-width=\"226\" data-original-height=\"156\" itemprop=\"http:\/\/schema.org\/image\" title=\"Capture d\u2019e\u0301cran, le 2024-08-15 a\u0300 15.01.09\" alt=\"Capture d\u2019e\u0301cran, le 2024-08-15 a\u0300 15.01.09\" style=\"width: 226px; height: 156px;\" \/> <\/a> <\/div> <div class=\"tiled-gallery-item tiled-gallery-item-small\" itemprop=\"associatedMedia\" itemscope itemtype=\"http:\/\/schema.org\/ImageObject\"> <a href=\"https:\/\/itayachtscanada.com\/fr\/listing\/riva-90-argo-2023-9950000-usd-for-sale\/capture-decran-le-2024-08-15-a-15-00-41\/\" border=\"0\" itemprop=\"url\"> <meta itemprop=\"width\" content=\"226\"> <meta itemprop=\"height\" content=\"150\"> <img decoding=\"async\" class=\"\" data-attachment-id=\"173553\" data-orig-file=\"https:\/\/itayachtscanada.com\/wp-content\/uploads\/2024\/08\/Capture-decran-le-2024-08-15-a-15.00.41.jpg\" data-orig-size=\"1808,1204\" data-comments-opened=\"1\" data-image-meta=\"{&quot;aperture&quot;:&quot;0&quot;,&quot;credit&quot;:&quot;&quot;,&quot;camera&quot;:&quot;&quot;,&quot;caption&quot;:&quot;&quot;,&quot;created_timestamp&quot;:&quot;0&quot;,&quot;copyright&quot;:&quot;&quot;,&quot;focal_length&quot;:&quot;0&quot;,&quot;iso&quot;:&quot;0&quot;,&quot;shutter_speed&quot;:&quot;0&quot;,&quot;title&quot;:&quot;&quot;,&quot;orientation&quot;:&quot;0&quot;}\" data-image-title=\"Capture d\u2019e\u0301cran, le 2024-08-15 a\u0300 15.00.41\" data-image-description=\"\" data-medium-file=\"https:\/\/i0.wp.com\/itayachtscanada.com\/wp-content\/uploads\/2024\/08\/Capture-decran-le-2024-08-15-a-15.00.41.jpg?fit=300%2C200&#038;ssl=1\" data-large-file=\"https:\/\/i0.wp.com\/itayachtscanada.com\/wp-content\/uploads\/2024\/08\/Capture-decran-le-2024-08-15-a-15.00.41.jpg?fit=700%2C466&#038;ssl=1\" src=\"https:\/\/i0.wp.com\/itayachtscanada.com\/wp-content\/uploads\/2024\/08\/Capture-decran-le-2024-08-15-a-15.00.41.jpg?w=226&#038;h=150&#038;ssl=1\" srcset=\"https:\/\/i0.wp.com\/itayachtscanada.com\/wp-content\/uploads\/2024\/08\/Capture-decran-le-2024-08-15-a-15.00.41.jpg?w=1808&amp;ssl=1 1808w, https:\/\/i0.wp.com\/itayachtscanada.com\/wp-content\/uploads\/2024\/08\/Capture-decran-le-2024-08-15-a-15.00.41.jpg?resize=300%2C200&amp;ssl=1 300w, https:\/\/i0.wp.com\/itayachtscanada.com\/wp-content\/uploads\/2024\/08\/Capture-decran-le-2024-08-15-a-15.00.41.jpg?resize=1024%2C682&amp;ssl=1 1024w, https:\/\/i0.wp.com\/itayachtscanada.com\/wp-content\/uploads\/2024\/08\/Capture-decran-le-2024-08-15-a-15.00.41.jpg?resize=768%2C511&amp;ssl=1 768w, https:\/\/i0.wp.com\/itayachtscanada.com\/wp-content\/uploads\/2024\/08\/Capture-decran-le-2024-08-15-a-15.00.41.jpg?resize=1536%2C1023&amp;ssl=1 1536w, https:\/\/i0.wp.com\/itayachtscanada.com\/wp-content\/uploads\/2024\/08\/Capture-decran-le-2024-08-15-a-15.00.41.jpg?resize=700%2C466&amp;ssl=1 700w, https:\/\/i0.wp.com\/itayachtscanada.com\/wp-content\/uploads\/2024\/08\/Capture-decran-le-2024-08-15-a-15.00.41.jpg?resize=900%2C600&amp;ssl=1 900w, https:\/\/i0.wp.com\/itayachtscanada.com\/wp-content\/uploads\/2024\/08\/Capture-decran-le-2024-08-15-a-15.00.41.jpg?resize=601%2C400&amp;ssl=1 601w, https:\/\/i0.wp.com\/itayachtscanada.com\/wp-content\/uploads\/2024\/08\/Capture-decran-le-2024-08-15-a-15.00.41.jpg?w=1400&amp;ssl=1 1400w\" width=\"226\" height=\"150\" loading=\"lazy\" data-original-width=\"226\" data-original-height=\"150\" itemprop=\"http:\/\/schema.org\/image\" title=\"Capture d\u2019e\u0301cran, le 2024-08-15 a\u0300 15.00.41\" alt=\"Capture d\u2019e\u0301cran, le 2024-08-15 a\u0300 15.00.41\" style=\"width: 226px; height: 150px;\" \/> <\/a> <\/div> <\/div> <!-- close group --> <div class=\"gallery-group images-1\" style=\"width: 470px; height: 314px;\" data-original-width=\"470\" data-original-height=\"314\" > <div class=\"tiled-gallery-item tiled-gallery-item-large\" itemprop=\"associatedMedia\" itemscope itemtype=\"http:\/\/schema.org\/ImageObject\"> <a href=\"https:\/\/itayachtscanada.com\/fr\/listing\/riva-90-argo-2023-9950000-usd-for-sale\/capture-decran-le-2024-08-15-a-15-00-34\/\" border=\"0\" itemprop=\"url\"> <meta itemprop=\"width\" content=\"466\"> <meta itemprop=\"height\" content=\"310\"> <img decoding=\"async\" class=\"\" data-attachment-id=\"173554\" data-orig-file=\"https:\/\/itayachtscanada.com\/wp-content\/uploads\/2024\/08\/Capture-decran-le-2024-08-15-a-15.00.34.jpg\" data-orig-size=\"1808,1204\" data-comments-opened=\"1\" data-image-meta=\"{&quot;aperture&quot;:&quot;0&quot;,&quot;credit&quot;:&quot;&quot;,&quot;camera&quot;:&quot;&quot;,&quot;caption&quot;:&quot;&quot;,&quot;created_timestamp&quot;:&quot;0&quot;,&quot;copyright&quot;:&quot;&quot;,&quot;focal_length&quot;:&quot;0&quot;,&quot;iso&quot;:&quot;0&quot;,&quot;shutter_speed&quot;:&quot;0&quot;,&quot;title&quot;:&quot;&quot;,&quot;orientation&quot;:&quot;0&quot;}\" data-image-title=\"Capture d\u2019e\u0301cran, le 2024-08-15 a\u0300 15.00.34\" data-image-description=\"\" data-medium-file=\"https:\/\/i0.wp.com\/itayachtscanada.com\/wp-content\/uploads\/2024\/08\/Capture-decran-le-2024-08-15-a-15.00.34.jpg?fit=300%2C200&#038;ssl=1\" data-large-file=\"https:\/\/i0.wp.com\/itayachtscanada.com\/wp-content\/uploads\/2024\/08\/Capture-decran-le-2024-08-15-a-15.00.34.jpg?fit=700%2C466&#038;ssl=1\" src=\"https:\/\/i0.wp.com\/itayachtscanada.com\/wp-content\/uploads\/2024\/08\/Capture-decran-le-2024-08-15-a-15.00.34.jpg?w=466&#038;h=310&#038;ssl=1\" srcset=\"https:\/\/i0.wp.com\/itayachtscanada.com\/wp-content\/uploads\/2024\/08\/Capture-decran-le-2024-08-15-a-15.00.34.jpg?w=1808&amp;ssl=1 1808w, https:\/\/i0.wp.com\/itayachtscanada.com\/wp-content\/uploads\/2024\/08\/Capture-decran-le-2024-08-15-a-15.00.34.jpg?resize=300%2C200&amp;ssl=1 300w, https:\/\/i0.wp.com\/itayachtscanada.com\/wp-content\/uploads\/2024\/08\/Capture-decran-le-2024-08-15-a-15.00.34.jpg?resize=1024%2C682&amp;ssl=1 1024w, https:\/\/i0.wp.com\/itayachtscanada.com\/wp-content\/uploads\/2024\/08\/Capture-decran-le-2024-08-15-a-15.00.34.jpg?resize=768%2C511&amp;ssl=1 768w, https:\/\/i0.wp.com\/itayachtscanada.com\/wp-content\/uploads\/2024\/08\/Capture-decran-le-2024-08-15-a-15.00.34.jpg?resize=1536%2C1023&amp;ssl=1 1536w, https:\/\/i0.wp.com\/itayachtscanada.com\/wp-content\/uploads\/2024\/08\/Capture-decran-le-2024-08-15-a-15.00.34.jpg?resize=700%2C466&amp;ssl=1 700w, https:\/\/i0.wp.com\/itayachtscanada.com\/wp-content\/uploads\/2024\/08\/Capture-decran-le-2024-08-15-a-15.00.34.jpg?resize=900%2C600&amp;ssl=1 900w, https:\/\/i0.wp.com\/itayachtscanada.com\/wp-content\/uploads\/2024\/08\/Capture-decran-le-2024-08-15-a-15.00.34.jpg?resize=601%2C400&amp;ssl=1 601w, https:\/\/i0.wp.com\/itayachtscanada.com\/wp-content\/uploads\/2024\/08\/Capture-decran-le-2024-08-15-a-15.00.34.jpg?w=1400&amp;ssl=1 1400w\" width=\"466\" height=\"310\" loading=\"lazy\" data-original-width=\"466\" data-original-height=\"310\" itemprop=\"http:\/\/schema.org\/image\" title=\"Capture d\u2019e\u0301cran, le 2024-08-15 a\u0300 15.00.34\" alt=\"Capture d\u2019e\u0301cran, le 2024-08-15 a\u0300 15.00.34\" style=\"width: 466px; height: 310px;\" \/> <\/a> <\/div> <\/div> <!-- close group --> <\/div> <!-- close row --> <div class=\"gallery-row\" style=\"width: 700px; height: 311px;\" data-original-width=\"700\" data-original-height=\"311\" > <div class=\"gallery-group images-1\" style=\"width: 465px; height: 311px;\" data-original-width=\"465\" data-original-height=\"311\" > <div class=\"tiled-gallery-item tiled-gallery-item-large\" itemprop=\"associatedMedia\" itemscope itemtype=\"http:\/\/schema.org\/ImageObject\"> <a href=\"https:\/\/itayachtscanada.com\/fr\/listing\/riva-90-argo-2023-9950000-usd-for-sale\/capture-decran-le-2024-08-15-a-15-00-29\/\" border=\"0\" itemprop=\"url\"> <meta itemprop=\"width\" content=\"461\"> <meta itemprop=\"height\" content=\"307\"> <img decoding=\"async\" class=\"\" data-attachment-id=\"173555\" data-orig-file=\"https:\/\/itayachtscanada.com\/wp-content\/uploads\/2024\/08\/Capture-decran-le-2024-08-15-a-15.00.29.jpg\" data-orig-size=\"1808,1204\" data-comments-opened=\"1\" data-image-meta=\"{&quot;aperture&quot;:&quot;0&quot;,&quot;credit&quot;:&quot;&quot;,&quot;camera&quot;:&quot;&quot;,&quot;caption&quot;:&quot;&quot;,&quot;created_timestamp&quot;:&quot;0&quot;,&quot;copyright&quot;:&quot;&quot;,&quot;focal_length&quot;:&quot;0&quot;,&quot;iso&quot;:&quot;0&quot;,&quot;shutter_speed&quot;:&quot;0&quot;,&quot;title&quot;:&quot;&quot;,&quot;orientation&quot;:&quot;0&quot;}\" data-image-title=\"Capture d\u2019e\u0301cran, le 2024-08-15 a\u0300 15.00.29\" data-image-description=\"\" data-medium-file=\"https:\/\/i0.wp.com\/itayachtscanada.com\/wp-content\/uploads\/2024\/08\/Capture-decran-le-2024-08-15-a-15.00.29.jpg?fit=300%2C200&#038;ssl=1\" data-large-file=\"https:\/\/i0.wp.com\/itayachtscanada.com\/wp-content\/uploads\/2024\/08\/Capture-decran-le-2024-08-15-a-15.00.29.jpg?fit=700%2C466&#038;ssl=1\" src=\"https:\/\/i0.wp.com\/itayachtscanada.com\/wp-content\/uploads\/2024\/08\/Capture-decran-le-2024-08-15-a-15.00.29.jpg?w=461&#038;h=307&#038;ssl=1\" srcset=\"https:\/\/i0.wp.com\/itayachtscanada.com\/wp-content\/uploads\/2024\/08\/Capture-decran-le-2024-08-15-a-15.00.29.jpg?w=1808&amp;ssl=1 1808w, https:\/\/i0.wp.com\/itayachtscanada.com\/wp-content\/uploads\/2024\/08\/Capture-decran-le-2024-08-15-a-15.00.29.jpg?resize=300%2C200&amp;ssl=1 300w, https:\/\/i0.wp.com\/itayachtscanada.com\/wp-content\/uploads\/2024\/08\/Capture-decran-le-2024-08-15-a-15.00.29.jpg?resize=1024%2C682&amp;ssl=1 1024w, https:\/\/i0.wp.com\/itayachtscanada.com\/wp-content\/uploads\/2024\/08\/Capture-decran-le-2024-08-15-a-15.00.29.jpg?resize=768%2C511&amp;ssl=1 768w, https:\/\/i0.wp.com\/itayachtscanada.com\/wp-content\/uploads\/2024\/08\/Capture-decran-le-2024-08-15-a-15.00.29.jpg?resize=1536%2C1023&amp;ssl=1 1536w, https:\/\/i0.wp.com\/itayachtscanada.com\/wp-content\/uploads\/2024\/08\/Capture-decran-le-2024-08-15-a-15.00.29.jpg?resize=700%2C466&amp;ssl=1 700w, https:\/\/i0.wp.com\/itayachtscanada.com\/wp-content\/uploads\/2024\/08\/Capture-decran-le-2024-08-15-a-15.00.29.jpg?resize=900%2C600&amp;ssl=1 900w, https:\/\/i0.wp.com\/itayachtscanada.com\/wp-content\/uploads\/2024\/08\/Capture-decran-le-2024-08-15-a-15.00.29.jpg?resize=601%2C400&amp;ssl=1 601w, https:\/\/i0.wp.com\/itayachtscanada.com\/wp-content\/uploads\/2024\/08\/Capture-decran-le-2024-08-15-a-15.00.29.jpg?w=1400&amp;ssl=1 1400w\" width=\"461\" height=\"307\" loading=\"lazy\" data-original-width=\"461\" data-original-height=\"307\" itemprop=\"http:\/\/schema.org\/image\" title=\"Capture d\u2019e\u0301cran, le 2024-08-15 a\u0300 15.00.29\" alt=\"Capture d\u2019e\u0301cran, le 2024-08-15 a\u0300 15.00.29\" style=\"width: 461px; height: 307px;\" \/> <\/a> <\/div> <\/div> <!-- close group --> <div class=\"gallery-group images-2\" style=\"width: 235px; height: 311px;\" data-original-width=\"235\" data-original-height=\"311\" > <div class=\"tiled-gallery-item tiled-gallery-item-small\" itemprop=\"associatedMedia\" itemscope itemtype=\"http:\/\/schema.org\/ImageObject\"> <a href=\"https:\/\/itayachtscanada.com\/fr\/listing\/riva-90-argo-2023-9950000-usd-for-sale\/capture-decran-le-2024-08-15-a-14-59-32\/\" border=\"0\" itemprop=\"url\"> <meta itemprop=\"width\" content=\"231\"> <meta itemprop=\"height\" content=\"152\"> <img decoding=\"async\" class=\"\" data-attachment-id=\"173564\" data-orig-file=\"https:\/\/itayachtscanada.com\/wp-content\/uploads\/2024\/08\/Capture-decran-le-2024-08-15-a-14.59.32.jpg\" data-orig-size=\"1808,1182\" data-comments-opened=\"1\" data-image-meta=\"{&quot;aperture&quot;:&quot;0&quot;,&quot;credit&quot;:&quot;&quot;,&quot;camera&quot;:&quot;&quot;,&quot;caption&quot;:&quot;&quot;,&quot;created_timestamp&quot;:&quot;0&quot;,&quot;copyright&quot;:&quot;&quot;,&quot;focal_length&quot;:&quot;0&quot;,&quot;iso&quot;:&quot;0&quot;,&quot;shutter_speed&quot;:&quot;0&quot;,&quot;title&quot;:&quot;&quot;,&quot;orientation&quot;:&quot;0&quot;}\" data-image-title=\"Capture d\u2019e\u0301cran, le 2024-08-15 a\u0300 14.59.32\" data-image-description=\"\" data-medium-file=\"https:\/\/i0.wp.com\/itayachtscanada.com\/wp-content\/uploads\/2024\/08\/Capture-decran-le-2024-08-15-a-14.59.32.jpg?fit=300%2C196&#038;ssl=1\" data-large-file=\"https:\/\/i0.wp.com\/itayachtscanada.com\/wp-content\/uploads\/2024\/08\/Capture-decran-le-2024-08-15-a-14.59.32.jpg?fit=700%2C457&#038;ssl=1\" src=\"https:\/\/i0.wp.com\/itayachtscanada.com\/wp-content\/uploads\/2024\/08\/Capture-decran-le-2024-08-15-a-14.59.32.jpg?w=231&#038;h=152&#038;ssl=1\" srcset=\"https:\/\/i0.wp.com\/itayachtscanada.com\/wp-content\/uploads\/2024\/08\/Capture-decran-le-2024-08-15-a-14.59.32.jpg?w=1808&amp;ssl=1 1808w, https:\/\/i0.wp.com\/itayachtscanada.com\/wp-content\/uploads\/2024\/08\/Capture-decran-le-2024-08-15-a-14.59.32.jpg?resize=300%2C196&amp;ssl=1 300w, https:\/\/i0.wp.com\/itayachtscanada.com\/wp-content\/uploads\/2024\/08\/Capture-decran-le-2024-08-15-a-14.59.32.jpg?resize=1024%2C669&amp;ssl=1 1024w, https:\/\/i0.wp.com\/itayachtscanada.com\/wp-content\/uploads\/2024\/08\/Capture-decran-le-2024-08-15-a-14.59.32.jpg?resize=768%2C502&amp;ssl=1 768w, https:\/\/i0.wp.com\/itayachtscanada.com\/wp-content\/uploads\/2024\/08\/Capture-decran-le-2024-08-15-a-14.59.32.jpg?resize=1536%2C1004&amp;ssl=1 1536w, https:\/\/i0.wp.com\/itayachtscanada.com\/wp-content\/uploads\/2024\/08\/Capture-decran-le-2024-08-15-a-14.59.32.jpg?resize=700%2C458&amp;ssl=1 700w, https:\/\/i0.wp.com\/itayachtscanada.com\/wp-content\/uploads\/2024\/08\/Capture-decran-le-2024-08-15-a-14.59.32.jpg?resize=612%2C400&amp;ssl=1 612w, https:\/\/i0.wp.com\/itayachtscanada.com\/wp-content\/uploads\/2024\/08\/Capture-decran-le-2024-08-15-a-14.59.32.jpg?w=1400&amp;ssl=1 1400w\" width=\"231\" height=\"152\" loading=\"lazy\" data-original-width=\"231\" data-original-height=\"152\" itemprop=\"http:\/\/schema.org\/image\" title=\"Capture d\u2019e\u0301cran, le 2024-08-15 a\u0300 14.59.32\" alt=\"Capture d\u2019e\u0301cran, le 2024-08-15 a\u0300 14.59.32\" style=\"width: 231px; height: 152px;\" \/> <\/a> <\/div> <div class=\"tiled-gallery-item tiled-gallery-item-small\" itemprop=\"associatedMedia\" itemscope itemtype=\"http:\/\/schema.org\/ImageObject\"> <a href=\"https:\/\/itayachtscanada.com\/fr\/listing\/riva-90-argo-2023-9950000-usd-for-sale\/capture-decran-le-2024-08-15-a-14-59-28\/\" border=\"0\" itemprop=\"url\"> <meta itemprop=\"width\" content=\"231\"> <meta itemprop=\"height\" content=\"151\"> <img decoding=\"async\" class=\"\" data-attachment-id=\"173565\" data-orig-file=\"https:\/\/itayachtscanada.com\/wp-content\/uploads\/2024\/08\/Capture-decran-le-2024-08-15-a-14.59.28.jpg\" data-orig-size=\"1808,1182\" data-comments-opened=\"1\" data-image-meta=\"{&quot;aperture&quot;:&quot;0&quot;,&quot;credit&quot;:&quot;&quot;,&quot;camera&quot;:&quot;&quot;,&quot;caption&quot;:&quot;&quot;,&quot;created_timestamp&quot;:&quot;0&quot;,&quot;copyright&quot;:&quot;&quot;,&quot;focal_length&quot;:&quot;0&quot;,&quot;iso&quot;:&quot;0&quot;,&quot;shutter_speed&quot;:&quot;0&quot;,&quot;title&quot;:&quot;&quot;,&quot;orientation&quot;:&quot;0&quot;}\" data-image-title=\"Capture d\u2019e\u0301cran, le 2024-08-15 a\u0300 14.59.28\" data-image-description=\"\" data-medium-file=\"https:\/\/i0.wp.com\/itayachtscanada.com\/wp-content\/uploads\/2024\/08\/Capture-decran-le-2024-08-15-a-14.59.28.jpg?fit=300%2C196&#038;ssl=1\" data-large-file=\"https:\/\/i0.wp.com\/itayachtscanada.com\/wp-content\/uploads\/2024\/08\/Capture-decran-le-2024-08-15-a-14.59.28.jpg?fit=700%2C457&#038;ssl=1\" src=\"https:\/\/i0.wp.com\/itayachtscanada.com\/wp-content\/uploads\/2024\/08\/Capture-decran-le-2024-08-15-a-14.59.28.jpg?w=231&#038;h=151&#038;ssl=1\" srcset=\"https:\/\/i0.wp.com\/itayachtscanada.com\/wp-content\/uploads\/2024\/08\/Capture-decran-le-2024-08-15-a-14.59.28.jpg?w=1808&amp;ssl=1 1808w, https:\/\/i0.wp.com\/itayachtscanada.com\/wp-content\/uploads\/2024\/08\/Capture-decran-le-2024-08-15-a-14.59.28.jpg?resize=300%2C196&amp;ssl=1 300w, https:\/\/i0.wp.com\/itayachtscanada.com\/wp-content\/uploads\/2024\/08\/Capture-decran-le-2024-08-15-a-14.59.28.jpg?resize=1024%2C669&amp;ssl=1 1024w, https:\/\/i0.wp.com\/itayachtscanada.com\/wp-content\/uploads\/2024\/08\/Capture-decran-le-2024-08-15-a-14.59.28.jpg?resize=768%2C502&amp;ssl=1 768w, https:\/\/i0.wp.com\/itayachtscanada.com\/wp-content\/uploads\/2024\/08\/Capture-decran-le-2024-08-15-a-14.59.28.jpg?resize=1536%2C1004&amp;ssl=1 1536w, https:\/\/i0.wp.com\/itayachtscanada.com\/wp-content\/uploads\/2024\/08\/Capture-decran-le-2024-08-15-a-14.59.28.jpg?resize=700%2C458&amp;ssl=1 700w, https:\/\/i0.wp.com\/itayachtscanada.com\/wp-content\/uploads\/2024\/08\/Capture-decran-le-2024-08-15-a-14.59.28.jpg?resize=612%2C400&amp;ssl=1 612w, https:\/\/i0.wp.com\/itayachtscanada.com\/wp-content\/uploads\/2024\/08\/Capture-decran-le-2024-08-15-a-14.59.28.jpg?w=1400&amp;ssl=1 1400w\" width=\"231\" height=\"151\" loading=\"lazy\" data-original-width=\"231\" data-original-height=\"151\" itemprop=\"http:\/\/schema.org\/image\" title=\"Capture d\u2019e\u0301cran, le 2024-08-15 a\u0300 14.59.28\" alt=\"Capture d\u2019e\u0301cran, le 2024-08-15 a\u0300 14.59.28\" style=\"width: 231px; height: 151px;\" \/> <\/a> <\/div> <\/div> <!-- close group --> <\/div> <!-- close row --> <div class=\"gallery-row\" style=\"width: 700px; height: 318px;\" data-original-width=\"700\" data-original-height=\"318\" > <div class=\"gallery-group images-1\" style=\"width: 484px; height: 318px;\" data-original-width=\"484\" data-original-height=\"318\" > <div class=\"tiled-gallery-item tiled-gallery-item-large\" itemprop=\"associatedMedia\" itemscope itemtype=\"http:\/\/schema.org\/ImageObject\"> <a href=\"https:\/\/itayachtscanada.com\/fr\/listing\/riva-90-argo-2023-9950000-usd-for-sale\/capture-decran-le-2024-08-15-a-14-59-19\/\" border=\"0\" itemprop=\"url\"> <meta itemprop=\"width\" content=\"480\"> <meta itemprop=\"height\" content=\"314\"> <img decoding=\"async\" class=\"\" data-attachment-id=\"173566\" data-orig-file=\"https:\/\/itayachtscanada.com\/wp-content\/uploads\/2024\/08\/Capture-decran-le-2024-08-15-a-14.59.19.jpg\" data-orig-size=\"1808,1182\" data-comments-opened=\"1\" data-image-meta=\"{&quot;aperture&quot;:&quot;0&quot;,&quot;credit&quot;:&quot;&quot;,&quot;camera&quot;:&quot;&quot;,&quot;caption&quot;:&quot;&quot;,&quot;created_timestamp&quot;:&quot;0&quot;,&quot;copyright&quot;:&quot;&quot;,&quot;focal_length&quot;:&quot;0&quot;,&quot;iso&quot;:&quot;0&quot;,&quot;shutter_speed&quot;:&quot;0&quot;,&quot;title&quot;:&quot;&quot;,&quot;orientation&quot;:&quot;0&quot;}\" data-image-title=\"Capture d\u2019e\u0301cran, le 2024-08-15 a\u0300 14.59.19\" data-image-description=\"\" data-medium-file=\"https:\/\/i0.wp.com\/itayachtscanada.com\/wp-content\/uploads\/2024\/08\/Capture-decran-le-2024-08-15-a-14.59.19.jpg?fit=300%2C196&#038;ssl=1\" data-large-file=\"https:\/\/i0.wp.com\/itayachtscanada.com\/wp-content\/uploads\/2024\/08\/Capture-decran-le-2024-08-15-a-14.59.19.jpg?fit=700%2C457&#038;ssl=1\" src=\"https:\/\/i0.wp.com\/itayachtscanada.com\/wp-content\/uploads\/2024\/08\/Capture-decran-le-2024-08-15-a-14.59.19.jpg?w=480&#038;h=314&#038;ssl=1\" srcset=\"https:\/\/i0.wp.com\/itayachtscanada.com\/wp-content\/uploads\/2024\/08\/Capture-decran-le-2024-08-15-a-14.59.19.jpg?w=1808&amp;ssl=1 1808w, https:\/\/i0.wp.com\/itayachtscanada.com\/wp-content\/uploads\/2024\/08\/Capture-decran-le-2024-08-15-a-14.59.19.jpg?resize=300%2C196&amp;ssl=1 300w, https:\/\/i0.wp.com\/itayachtscanada.com\/wp-content\/uploads\/2024\/08\/Capture-decran-le-2024-08-15-a-14.59.19.jpg?resize=1024%2C669&amp;ssl=1 1024w, https:\/\/i0.wp.com\/itayachtscanada.com\/wp-content\/uploads\/2024\/08\/Capture-decran-le-2024-08-15-a-14.59.19.jpg?resize=768%2C502&amp;ssl=1 768w, https:\/\/i0.wp.com\/itayachtscanada.com\/wp-content\/uploads\/2024\/08\/Capture-decran-le-2024-08-15-a-14.59.19.jpg?resize=1536%2C1004&amp;ssl=1 1536w, https:\/\/i0.wp.com\/itayachtscanada.com\/wp-content\/uploads\/2024\/08\/Capture-decran-le-2024-08-15-a-14.59.19.jpg?resize=700%2C458&amp;ssl=1 700w, https:\/\/i0.wp.com\/itayachtscanada.com\/wp-content\/uploads\/2024\/08\/Capture-decran-le-2024-08-15-a-14.59.19.jpg?resize=612%2C400&amp;ssl=1 612w, https:\/\/i0.wp.com\/itayachtscanada.com\/wp-content\/uploads\/2024\/08\/Capture-decran-le-2024-08-15-a-14.59.19.jpg?w=1400&amp;ssl=1 1400w\" width=\"480\" height=\"314\" loading=\"lazy\" data-original-width=\"480\" data-original-height=\"314\" itemprop=\"http:\/\/schema.org\/image\" title=\"Capture d\u2019e\u0301cran, le 2024-08-15 a\u0300 14.59.19\" alt=\"Capture d\u2019e\u0301cran, le 2024-08-15 a\u0300 14.59.19\" style=\"width: 480px; height: 314px;\" \/> <\/a> <\/div> <\/div> <!-- close group --> <div class=\"gallery-group images-1\" style=\"width: 216px; height: 318px;\" data-original-width=\"216\" data-original-height=\"318\" > <div class=\"tiled-gallery-item tiled-gallery-item-small\" itemprop=\"associatedMedia\" itemscope itemtype=\"http:\/\/schema.org\/ImageObject\"> <a href=\"https:\/\/itayachtscanada.com\/fr\/listing\/riva-90-argo-2023-9950000-usd-for-sale\/capture-decran-le-2024-08-15-a-14-59-14\/\" border=\"0\" itemprop=\"url\"> <meta itemprop=\"width\" content=\"212\"> <meta itemprop=\"height\" content=\"314\"> <img decoding=\"async\" class=\"\" data-attachment-id=\"173567\" data-orig-file=\"https:\/\/itayachtscanada.com\/wp-content\/uploads\/2024\/08\/Capture-decran-le-2024-08-15-a-14.59.14.jpg\" data-orig-size=\"798,1182\" data-comments-opened=\"1\" data-image-meta=\"{&quot;aperture&quot;:&quot;0&quot;,&quot;credit&quot;:&quot;&quot;,&quot;camera&quot;:&quot;&quot;,&quot;caption&quot;:&quot;&quot;,&quot;created_timestamp&quot;:&quot;0&quot;,&quot;copyright&quot;:&quot;&quot;,&quot;focal_length&quot;:&quot;0&quot;,&quot;iso&quot;:&quot;0&quot;,&quot;shutter_speed&quot;:&quot;0&quot;,&quot;title&quot;:&quot;&quot;,&quot;orientation&quot;:&quot;0&quot;}\" data-image-title=\"Capture d\u2019e\u0301cran, le 2024-08-15 a\u0300 14.59.14\" data-image-description=\"\" data-medium-file=\"https:\/\/i0.wp.com\/itayachtscanada.com\/wp-content\/uploads\/2024\/08\/Capture-decran-le-2024-08-15-a-14.59.14.jpg?fit=203%2C300&#038;ssl=1\" data-large-file=\"https:\/\/i0.wp.com\/itayachtscanada.com\/wp-content\/uploads\/2024\/08\/Capture-decran-le-2024-08-15-a-14.59.14.jpg?fit=691%2C1024&#038;ssl=1\" src=\"https:\/\/i0.wp.com\/itayachtscanada.com\/wp-content\/uploads\/2024\/08\/Capture-decran-le-2024-08-15-a-14.59.14.jpg?w=212&#038;h=314&#038;ssl=1\" srcset=\"https:\/\/i0.wp.com\/itayachtscanada.com\/wp-content\/uploads\/2024\/08\/Capture-decran-le-2024-08-15-a-14.59.14.jpg?w=798&amp;ssl=1 798w, https:\/\/i0.wp.com\/itayachtscanada.com\/wp-content\/uploads\/2024\/08\/Capture-decran-le-2024-08-15-a-14.59.14.jpg?resize=203%2C300&amp;ssl=1 203w, https:\/\/i0.wp.com\/itayachtscanada.com\/wp-content\/uploads\/2024\/08\/Capture-decran-le-2024-08-15-a-14.59.14.jpg?resize=691%2C1024&amp;ssl=1 691w, https:\/\/i0.wp.com\/itayachtscanada.com\/wp-content\/uploads\/2024\/08\/Capture-decran-le-2024-08-15-a-14.59.14.jpg?resize=768%2C1138&amp;ssl=1 768w, https:\/\/i0.wp.com\/itayachtscanada.com\/wp-content\/uploads\/2024\/08\/Capture-decran-le-2024-08-15-a-14.59.14.jpg?resize=700%2C1037&amp;ssl=1 700w, https:\/\/i0.wp.com\/itayachtscanada.com\/wp-content\/uploads\/2024\/08\/Capture-decran-le-2024-08-15-a-14.59.14.jpg?resize=270%2C400&amp;ssl=1 270w\" width=\"212\" height=\"314\" loading=\"lazy\" data-original-width=\"212\" data-original-height=\"314\" itemprop=\"http:\/\/schema.org\/image\" title=\"Capture d\u2019e\u0301cran, le 2024-08-15 a\u0300 14.59.14\" alt=\"Capture d\u2019e\u0301cran, le 2024-08-15 a\u0300 14.59.14\" style=\"width: 212px; height: 314px;\" \/> <\/a> <\/div> <\/div> <!-- close group --> <\/div> <!-- close row --> <div class=\"gallery-row\" style=\"width: 700px; height: 235px;\" data-original-width=\"700\" data-original-height=\"235\" > <div class=\"gallery-group images-1\" style=\"width: 350px; height: 235px;\" data-original-width=\"350\" data-original-height=\"235\" > <div class=\"tiled-gallery-item tiled-gallery-item-large\" itemprop=\"associatedMedia\" itemscope itemtype=\"http:\/\/schema.org\/ImageObject\"> <a href=\"https:\/\/itayachtscanada.com\/fr\/listing\/riva-90-argo-2023-9950000-usd-for-sale\/capture-decran-le-2024-08-15-a-14-57-59\/\" border=\"0\" itemprop=\"url\"> <meta itemprop=\"width\" content=\"346\"> <meta itemprop=\"height\" content=\"231\"> <img decoding=\"async\" class=\"\" data-attachment-id=\"173579\" data-orig-file=\"https:\/\/itayachtscanada.com\/wp-content\/uploads\/2024\/08\/Capture-decran-le-2024-08-15-a-14.57.59.jpg\" data-orig-size=\"1770,1182\" data-comments-opened=\"1\" data-image-meta=\"{&quot;aperture&quot;:&quot;0&quot;,&quot;credit&quot;:&quot;&quot;,&quot;camera&quot;:&quot;&quot;,&quot;caption&quot;:&quot;&quot;,&quot;created_timestamp&quot;:&quot;0&quot;,&quot;copyright&quot;:&quot;&quot;,&quot;focal_length&quot;:&quot;0&quot;,&quot;iso&quot;:&quot;0&quot;,&quot;shutter_speed&quot;:&quot;0&quot;,&quot;title&quot;:&quot;&quot;,&quot;orientation&quot;:&quot;0&quot;}\" data-image-title=\"Capture d\u2019e\u0301cran, le 2024-08-15 a\u0300 14.57.59\" data-image-description=\"\" data-medium-file=\"https:\/\/i0.wp.com\/itayachtscanada.com\/wp-content\/uploads\/2024\/08\/Capture-decran-le-2024-08-15-a-14.57.59.jpg?fit=300%2C200&#038;ssl=1\" data-large-file=\"https:\/\/i0.wp.com\/itayachtscanada.com\/wp-content\/uploads\/2024\/08\/Capture-decran-le-2024-08-15-a-14.57.59.jpg?fit=700%2C468&#038;ssl=1\" src=\"https:\/\/i0.wp.com\/itayachtscanada.com\/wp-content\/uploads\/2024\/08\/Capture-decran-le-2024-08-15-a-14.57.59.jpg?w=346&#038;h=231&#038;ssl=1\" srcset=\"https:\/\/i0.wp.com\/itayachtscanada.com\/wp-content\/uploads\/2024\/08\/Capture-decran-le-2024-08-15-a-14.57.59.jpg?w=1770&amp;ssl=1 1770w, https:\/\/i0.wp.com\/itayachtscanada.com\/wp-content\/uploads\/2024\/08\/Capture-decran-le-2024-08-15-a-14.57.59.jpg?resize=300%2C200&amp;ssl=1 300w, https:\/\/i0.wp.com\/itayachtscanada.com\/wp-content\/uploads\/2024\/08\/Capture-decran-le-2024-08-15-a-14.57.59.jpg?resize=1024%2C684&amp;ssl=1 1024w, https:\/\/i0.wp.com\/itayachtscanada.com\/wp-content\/uploads\/2024\/08\/Capture-decran-le-2024-08-15-a-14.57.59.jpg?resize=768%2C513&amp;ssl=1 768w, https:\/\/i0.wp.com\/itayachtscanada.com\/wp-content\/uploads\/2024\/08\/Capture-decran-le-2024-08-15-a-14.57.59.jpg?resize=1536%2C1026&amp;ssl=1 1536w, https:\/\/i0.wp.com\/itayachtscanada.com\/wp-content\/uploads\/2024\/08\/Capture-decran-le-2024-08-15-a-14.57.59.jpg?resize=700%2C467&amp;ssl=1 700w, https:\/\/i0.wp.com\/itayachtscanada.com\/wp-content\/uploads\/2024\/08\/Capture-decran-le-2024-08-15-a-14.57.59.jpg?resize=900%2C600&amp;ssl=1 900w, https:\/\/i0.wp.com\/itayachtscanada.com\/wp-content\/uploads\/2024\/08\/Capture-decran-le-2024-08-15-a-14.57.59.jpg?resize=599%2C400&amp;ssl=1 599w, https:\/\/i0.wp.com\/itayachtscanada.com\/wp-content\/uploads\/2024\/08\/Capture-decran-le-2024-08-15-a-14.57.59.jpg?w=1400&amp;ssl=1 1400w\" width=\"346\" height=\"231\" loading=\"lazy\" data-original-width=\"346\" data-original-height=\"231\" itemprop=\"http:\/\/schema.org\/image\" title=\"Capture d\u2019e\u0301cran, le 2024-08-15 a\u0300 14.57.59\" alt=\"Capture d\u2019e\u0301cran, le 2024-08-15 a\u0300 14.57.59\" style=\"width: 346px; height: 231px;\" \/> <\/a> <\/div> <\/div> <!-- close group --> <div class=\"gallery-group images-1\" style=\"width: 350px; height: 235px;\" data-original-width=\"350\" data-original-height=\"235\" > <div class=\"tiled-gallery-item tiled-gallery-item-large\" itemprop=\"associatedMedia\" itemscope itemtype=\"http:\/\/schema.org\/ImageObject\"> <a href=\"https:\/\/itayachtscanada.com\/fr\/listing\/riva-90-argo-2023-9950000-usd-for-sale\/capture-decran-le-2024-08-15-a-14-58-03\/\" border=\"0\" itemprop=\"url\"> <meta itemprop=\"width\" content=\"346\"> <meta itemprop=\"height\" content=\"231\"> <img decoding=\"async\" class=\"\" data-attachment-id=\"173578\" data-orig-file=\"https:\/\/itayachtscanada.com\/wp-content\/uploads\/2024\/08\/Capture-decran-le-2024-08-15-a-14.58.03.jpg\" data-orig-size=\"1770,1182\" data-comments-opened=\"1\" data-image-meta=\"{&quot;aperture&quot;:&quot;0&quot;,&quot;credit&quot;:&quot;&quot;,&quot;camera&quot;:&quot;&quot;,&quot;caption&quot;:&quot;&quot;,&quot;created_timestamp&quot;:&quot;0&quot;,&quot;copyright&quot;:&quot;&quot;,&quot;focal_length&quot;:&quot;0&quot;,&quot;iso&quot;:&quot;0&quot;,&quot;shutter_speed&quot;:&quot;0&quot;,&quot;title&quot;:&quot;&quot;,&quot;orientation&quot;:&quot;0&quot;}\" data-image-title=\"Capture d\u2019e\u0301cran, le 2024-08-15 a\u0300 14.58.03\" data-image-description=\"\" data-medium-file=\"https:\/\/i0.wp.com\/itayachtscanada.com\/wp-content\/uploads\/2024\/08\/Capture-decran-le-2024-08-15-a-14.58.03.jpg?fit=300%2C200&#038;ssl=1\" data-large-file=\"https:\/\/i0.wp.com\/itayachtscanada.com\/wp-content\/uploads\/2024\/08\/Capture-decran-le-2024-08-15-a-14.58.03.jpg?fit=700%2C468&#038;ssl=1\" src=\"https:\/\/i0.wp.com\/itayachtscanada.com\/wp-content\/uploads\/2024\/08\/Capture-decran-le-2024-08-15-a-14.58.03.jpg?w=346&#038;h=231&#038;ssl=1\" srcset=\"https:\/\/i0.wp.com\/itayachtscanada.com\/wp-content\/uploads\/2024\/08\/Capture-decran-le-2024-08-15-a-14.58.03.jpg?w=1770&amp;ssl=1 1770w, https:\/\/i0.wp.com\/itayachtscanada.com\/wp-content\/uploads\/2024\/08\/Capture-decran-le-2024-08-15-a-14.58.03.jpg?resize=300%2C200&amp;ssl=1 300w, https:\/\/i0.wp.com\/itayachtscanada.com\/wp-content\/uploads\/2024\/08\/Capture-decran-le-2024-08-15-a-14.58.03.jpg?resize=1024%2C684&amp;ssl=1 1024w, https:\/\/i0.wp.com\/itayachtscanada.com\/wp-content\/uploads\/2024\/08\/Capture-decran-le-2024-08-15-a-14.58.03.jpg?resize=768%2C513&amp;ssl=1 768w, https:\/\/i0.wp.com\/itayachtscanada.com\/wp-content\/uploads\/2024\/08\/Capture-decran-le-2024-08-15-a-14.58.03.jpg?resize=1536%2C1026&amp;ssl=1 1536w, https:\/\/i0.wp.com\/itayachtscanada.com\/wp-content\/uploads\/2024\/08\/Capture-decran-le-2024-08-15-a-14.58.03.jpg?resize=700%2C467&amp;ssl=1 700w, https:\/\/i0.wp.com\/itayachtscanada.com\/wp-content\/uploads\/2024\/08\/Capture-decran-le-2024-08-15-a-14.58.03.jpg?resize=900%2C600&amp;ssl=1 900w, https:\/\/i0.wp.com\/itayachtscanada.com\/wp-content\/uploads\/2024\/08\/Capture-decran-le-2024-08-15-a-14.58.03.jpg?resize=599%2C400&amp;ssl=1 599w, https:\/\/i0.wp.com\/itayachtscanada.com\/wp-content\/uploads\/2024\/08\/Capture-decran-le-2024-08-15-a-14.58.03.jpg?w=1400&amp;ssl=1 1400w\" width=\"346\" height=\"231\" loading=\"lazy\" data-original-width=\"346\" data-original-height=\"231\" itemprop=\"http:\/\/schema.org\/image\" title=\"Capture d\u2019e\u0301cran, le 2024-08-15 a\u0300 14.58.03\" alt=\"Capture d\u2019e\u0301cran, le 2024-08-15 a\u0300 14.58.03\" style=\"width: 346px; height: 231px;\" \/> <\/a> <\/div> <\/div> <!-- close group --> <\/div> <!-- close row --> <div class=\"gallery-row\" style=\"width: 700px; height: 321px;\" data-original-width=\"700\" data-original-height=\"321\" > <div class=\"gallery-group images-2\" style=\"width: 243px; height: 321px;\" data-original-width=\"243\" data-original-height=\"321\" > <div class=\"tiled-gallery-item tiled-gallery-item-small\" itemprop=\"associatedMedia\" itemscope itemtype=\"http:\/\/schema.org\/ImageObject\"> <a href=\"https:\/\/itayachtscanada.com\/fr\/listing\/riva-90-argo-2023-9950000-usd-for-sale\/capture-decran-le-2024-08-15-a-14-59-52\/\" border=\"0\" itemprop=\"url\"> <meta itemprop=\"width\" content=\"239\"> <meta itemprop=\"height\" content=\"157\"> <img decoding=\"async\" class=\"\" data-attachment-id=\"173563\" data-orig-file=\"https:\/\/itayachtscanada.com\/wp-content\/uploads\/2024\/08\/Capture-decran-le-2024-08-15-a-14.59.52.jpg\" data-orig-size=\"1808,1182\" data-comments-opened=\"1\" data-image-meta=\"{&quot;aperture&quot;:&quot;0&quot;,&quot;credit&quot;:&quot;&quot;,&quot;camera&quot;:&quot;&quot;,&quot;caption&quot;:&quot;&quot;,&quot;created_timestamp&quot;:&quot;0&quot;,&quot;copyright&quot;:&quot;&quot;,&quot;focal_length&quot;:&quot;0&quot;,&quot;iso&quot;:&quot;0&quot;,&quot;shutter_speed&quot;:&quot;0&quot;,&quot;title&quot;:&quot;&quot;,&quot;orientation&quot;:&quot;0&quot;}\" data-image-title=\"Capture d\u2019e\u0301cran, le 2024-08-15 a\u0300 14.59.52\" data-image-description=\"\" data-medium-file=\"https:\/\/i0.wp.com\/itayachtscanada.com\/wp-content\/uploads\/2024\/08\/Capture-decran-le-2024-08-15-a-14.59.52.jpg?fit=300%2C196&#038;ssl=1\" data-large-file=\"https:\/\/i0.wp.com\/itayachtscanada.com\/wp-content\/uploads\/2024\/08\/Capture-decran-le-2024-08-15-a-14.59.52.jpg?fit=700%2C457&#038;ssl=1\" src=\"https:\/\/i0.wp.com\/itayachtscanada.com\/wp-content\/uploads\/2024\/08\/Capture-decran-le-2024-08-15-a-14.59.52.jpg?w=239&#038;h=157&#038;ssl=1\" srcset=\"https:\/\/i0.wp.com\/itayachtscanada.com\/wp-content\/uploads\/2024\/08\/Capture-decran-le-2024-08-15-a-14.59.52.jpg?w=1808&amp;ssl=1 1808w, https:\/\/i0.wp.com\/itayachtscanada.com\/wp-content\/uploads\/2024\/08\/Capture-decran-le-2024-08-15-a-14.59.52.jpg?resize=300%2C196&amp;ssl=1 300w, https:\/\/i0.wp.com\/itayachtscanada.com\/wp-content\/uploads\/2024\/08\/Capture-decran-le-2024-08-15-a-14.59.52.jpg?resize=1024%2C669&amp;ssl=1 1024w, https:\/\/i0.wp.com\/itayachtscanada.com\/wp-content\/uploads\/2024\/08\/Capture-decran-le-2024-08-15-a-14.59.52.jpg?resize=768%2C502&amp;ssl=1 768w, https:\/\/i0.wp.com\/itayachtscanada.com\/wp-content\/uploads\/2024\/08\/Capture-decran-le-2024-08-15-a-14.59.52.jpg?resize=1536%2C1004&amp;ssl=1 1536w, https:\/\/i0.wp.com\/itayachtscanada.com\/wp-content\/uploads\/2024\/08\/Capture-decran-le-2024-08-15-a-14.59.52.jpg?resize=700%2C458&amp;ssl=1 700w, https:\/\/i0.wp.com\/itayachtscanada.com\/wp-content\/uploads\/2024\/08\/Capture-decran-le-2024-08-15-a-14.59.52.jpg?resize=612%2C400&amp;ssl=1 612w, https:\/\/i0.wp.com\/itayachtscanada.com\/wp-content\/uploads\/2024\/08\/Capture-decran-le-2024-08-15-a-14.59.52.jpg?w=1400&amp;ssl=1 1400w\" width=\"239\" height=\"157\" loading=\"lazy\" data-original-width=\"239\" data-original-height=\"157\" itemprop=\"http:\/\/schema.org\/image\" title=\"Capture d\u2019e\u0301cran, le 2024-08-15 a\u0300 14.59.52\" alt=\"Capture d\u2019e\u0301cran, le 2024-08-15 a\u0300 14.59.52\" style=\"width: 239px; height: 157px;\" \/> <\/a> <\/div> <div class=\"tiled-gallery-item tiled-gallery-item-small\" itemprop=\"associatedMedia\" itemscope itemtype=\"http:\/\/schema.org\/ImageObject\"> <a href=\"https:\/\/itayachtscanada.com\/fr\/listing\/riva-90-argo-2023-9950000-usd-for-sale\/capture-decran-le-2024-08-15-a-14-59-56\/\" border=\"0\" itemprop=\"url\"> <meta itemprop=\"width\" content=\"239\"> <meta itemprop=\"height\" content=\"156\"> <img decoding=\"async\" class=\"\" data-attachment-id=\"173562\" data-orig-file=\"https:\/\/itayachtscanada.com\/wp-content\/uploads\/2024\/08\/Capture-decran-le-2024-08-15-a-14.59.56.jpg\" data-orig-size=\"1808,1182\" data-comments-opened=\"1\" data-image-meta=\"{&quot;aperture&quot;:&quot;0&quot;,&quot;credit&quot;:&quot;&quot;,&quot;camera&quot;:&quot;&quot;,&quot;caption&quot;:&quot;&quot;,&quot;created_timestamp&quot;:&quot;0&quot;,&quot;copyright&quot;:&quot;&quot;,&quot;focal_length&quot;:&quot;0&quot;,&quot;iso&quot;:&quot;0&quot;,&quot;shutter_speed&quot;:&quot;0&quot;,&quot;title&quot;:&quot;&quot;,&quot;orientation&quot;:&quot;0&quot;}\" data-image-title=\"Capture d\u2019e\u0301cran, le 2024-08-15 a\u0300 14.59.56\" data-image-description=\"\" data-medium-file=\"https:\/\/i0.wp.com\/itayachtscanada.com\/wp-content\/uploads\/2024\/08\/Capture-decran-le-2024-08-15-a-14.59.56.jpg?fit=300%2C196&#038;ssl=1\" data-large-file=\"https:\/\/i0.wp.com\/itayachtscanada.com\/wp-content\/uploads\/2024\/08\/Capture-decran-le-2024-08-15-a-14.59.56.jpg?fit=700%2C457&#038;ssl=1\" src=\"https:\/\/i0.wp.com\/itayachtscanada.com\/wp-content\/uploads\/2024\/08\/Capture-decran-le-2024-08-15-a-14.59.56.jpg?w=239&#038;h=156&#038;ssl=1\" srcset=\"https:\/\/i0.wp.com\/itayachtscanada.com\/wp-content\/uploads\/2024\/08\/Capture-decran-le-2024-08-15-a-14.59.56.jpg?w=1808&amp;ssl=1 1808w, https:\/\/i0.wp.com\/itayachtscanada.com\/wp-content\/uploads\/2024\/08\/Capture-decran-le-2024-08-15-a-14.59.56.jpg?resize=300%2C196&amp;ssl=1 300w, https:\/\/i0.wp.com\/itayachtscanada.com\/wp-content\/uploads\/2024\/08\/Capture-decran-le-2024-08-15-a-14.59.56.jpg?resize=1024%2C669&amp;ssl=1 1024w, https:\/\/i0.wp.com\/itayachtscanada.com\/wp-content\/uploads\/2024\/08\/Capture-decran-le-2024-08-15-a-14.59.56.jpg?resize=768%2C502&amp;ssl=1 768w, https:\/\/i0.wp.com\/itayachtscanada.com\/wp-content\/uploads\/2024\/08\/Capture-decran-le-2024-08-15-a-14.59.56.jpg?resize=1536%2C1004&amp;ssl=1 1536w, https:\/\/i0.wp.com\/itayachtscanada.com\/wp-content\/uploads\/2024\/08\/Capture-decran-le-2024-08-15-a-14.59.56.jpg?resize=700%2C458&amp;ssl=1 700w, https:\/\/i0.wp.com\/itayachtscanada.com\/wp-content\/uploads\/2024\/08\/Capture-decran-le-2024-08-15-a-14.59.56.jpg?resize=612%2C400&amp;ssl=1 612w, https:\/\/i0.wp.com\/itayachtscanada.com\/wp-content\/uploads\/2024\/08\/Capture-decran-le-2024-08-15-a-14.59.56.jpg?w=1400&amp;ssl=1 1400w\" width=\"239\" height=\"156\" loading=\"lazy\" data-original-width=\"239\" data-original-height=\"156\" itemprop=\"http:\/\/schema.org\/image\" title=\"Capture d\u2019e\u0301cran, le 2024-08-15 a\u0300 14.59.56\" alt=\"Capture d\u2019e\u0301cran, le 2024-08-15 a\u0300 14.59.56\" style=\"width: 239px; height: 156px;\" \/> <\/a> <\/div> <\/div> <!-- close group --> <div class=\"gallery-group images-1\" style=\"width: 217px; height: 321px;\" data-original-width=\"217\" data-original-height=\"321\" > <div class=\"tiled-gallery-item tiled-gallery-item-small\" itemprop=\"associatedMedia\" itemscope itemtype=\"http:\/\/schema.org\/ImageObject\"> <a href=\"https:\/\/itayachtscanada.com\/fr\/listing\/riva-90-argo-2023-9950000-usd-for-sale\/capture-decran-le-2024-08-15-a-14-58-40\/\" border=\"0\" itemprop=\"url\"> <meta itemprop=\"width\" content=\"213\"> <meta itemprop=\"height\" content=\"317\"> <img decoding=\"async\" class=\"\" data-attachment-id=\"173572\" data-orig-file=\"https:\/\/itayachtscanada.com\/wp-content\/uploads\/2024\/08\/Capture-decran-le-2024-08-15-a-14.58.40.jpg\" data-orig-size=\"794,1182\" data-comments-opened=\"1\" data-image-meta=\"{&quot;aperture&quot;:&quot;0&quot;,&quot;credit&quot;:&quot;&quot;,&quot;camera&quot;:&quot;&quot;,&quot;caption&quot;:&quot;&quot;,&quot;created_timestamp&quot;:&quot;0&quot;,&quot;copyright&quot;:&quot;&quot;,&quot;focal_length&quot;:&quot;0&quot;,&quot;iso&quot;:&quot;0&quot;,&quot;shutter_speed&quot;:&quot;0&quot;,&quot;title&quot;:&quot;&quot;,&quot;orientation&quot;:&quot;0&quot;}\" data-image-title=\"Capture d\u2019e\u0301cran, le 2024-08-15 a\u0300 14.58.40\" data-image-description=\"\" data-medium-file=\"https:\/\/i0.wp.com\/itayachtscanada.com\/wp-content\/uploads\/2024\/08\/Capture-decran-le-2024-08-15-a-14.58.40.jpg?fit=202%2C300&#038;ssl=1\" data-large-file=\"https:\/\/i0.wp.com\/itayachtscanada.com\/wp-content\/uploads\/2024\/08\/Capture-decran-le-2024-08-15-a-14.58.40.jpg?fit=688%2C1024&#038;ssl=1\" src=\"https:\/\/i0.wp.com\/itayachtscanada.com\/wp-content\/uploads\/2024\/08\/Capture-decran-le-2024-08-15-a-14.58.40.jpg?w=213&#038;h=317&#038;ssl=1\" srcset=\"https:\/\/i0.wp.com\/itayachtscanada.com\/wp-content\/uploads\/2024\/08\/Capture-decran-le-2024-08-15-a-14.58.40.jpg?w=794&amp;ssl=1 794w, https:\/\/i0.wp.com\/itayachtscanada.com\/wp-content\/uploads\/2024\/08\/Capture-decran-le-2024-08-15-a-14.58.40.jpg?resize=202%2C300&amp;ssl=1 202w, https:\/\/i0.wp.com\/itayachtscanada.com\/wp-content\/uploads\/2024\/08\/Capture-decran-le-2024-08-15-a-14.58.40.jpg?resize=688%2C1024&amp;ssl=1 688w, https:\/\/i0.wp.com\/itayachtscanada.com\/wp-content\/uploads\/2024\/08\/Capture-decran-le-2024-08-15-a-14.58.40.jpg?resize=768%2C1143&amp;ssl=1 768w, https:\/\/i0.wp.com\/itayachtscanada.com\/wp-content\/uploads\/2024\/08\/Capture-decran-le-2024-08-15-a-14.58.40.jpg?resize=700%2C1042&amp;ssl=1 700w, https:\/\/i0.wp.com\/itayachtscanada.com\/wp-content\/uploads\/2024\/08\/Capture-decran-le-2024-08-15-a-14.58.40.jpg?resize=269%2C400&amp;ssl=1 269w\" width=\"213\" height=\"317\" loading=\"lazy\" data-original-width=\"213\" data-original-height=\"317\" itemprop=\"http:\/\/schema.org\/image\" title=\"Capture d\u2019e\u0301cran, le 2024-08-15 a\u0300 14.58.40\" alt=\"Capture d\u2019e\u0301cran, le 2024-08-15 a\u0300 14.58.40\" style=\"width: 213px; height: 317px;\" \/> <\/a> <\/div> <\/div> <!-- close group --> <div class=\"gallery-group images-2\" style=\"width: 240px; height: 321px;\" data-original-width=\"240\" data-original-height=\"321\" > <div class=\"tiled-gallery-item tiled-gallery-item-small\" itemprop=\"associatedMedia\" itemscope itemtype=\"http:\/\/schema.org\/ImageObject\"> <a href=\"https:\/\/itayachtscanada.com\/fr\/listing\/riva-90-argo-2023-9950000-usd-for-sale\/capture-decran-le-2024-08-15-a-14-58-50\/\" border=\"0\" itemprop=\"url\"> <meta itemprop=\"width\" content=\"236\"> <meta itemprop=\"height\" content=\"155\"> <img decoding=\"async\" class=\"\" data-attachment-id=\"173571\" data-orig-file=\"https:\/\/itayachtscanada.com\/wp-content\/uploads\/2024\/08\/Capture-decran-le-2024-08-15-a-14.58.50.jpg\" data-orig-size=\"1802,1182\" data-comments-opened=\"1\" data-image-meta=\"{&quot;aperture&quot;:&quot;0&quot;,&quot;credit&quot;:&quot;&quot;,&quot;camera&quot;:&quot;&quot;,&quot;caption&quot;:&quot;&quot;,&quot;created_timestamp&quot;:&quot;0&quot;,&quot;copyright&quot;:&quot;&quot;,&quot;focal_length&quot;:&quot;0&quot;,&quot;iso&quot;:&quot;0&quot;,&quot;shutter_speed&quot;:&quot;0&quot;,&quot;title&quot;:&quot;&quot;,&quot;orientation&quot;:&quot;0&quot;}\" data-image-title=\"Capture d\u2019e\u0301cran, le 2024-08-15 a\u0300 14.58.50\" data-image-description=\"\" data-medium-file=\"https:\/\/i0.wp.com\/itayachtscanada.com\/wp-content\/uploads\/2024\/08\/Capture-decran-le-2024-08-15-a-14.58.50.jpg?fit=300%2C197&#038;ssl=1\" data-large-file=\"https:\/\/i0.wp.com\/itayachtscanada.com\/wp-content\/uploads\/2024\/08\/Capture-decran-le-2024-08-15-a-14.58.50.jpg?fit=700%2C459&#038;ssl=1\" src=\"https:\/\/i0.wp.com\/itayachtscanada.com\/wp-content\/uploads\/2024\/08\/Capture-decran-le-2024-08-15-a-14.58.50.jpg?w=236&#038;h=155&#038;ssl=1\" srcset=\"https:\/\/i0.wp.com\/itayachtscanada.com\/wp-content\/uploads\/2024\/08\/Capture-decran-le-2024-08-15-a-14.58.50.jpg?w=1802&amp;ssl=1 1802w, https:\/\/i0.wp.com\/itayachtscanada.com\/wp-content\/uploads\/2024\/08\/Capture-decran-le-2024-08-15-a-14.58.50.jpg?resize=300%2C197&amp;ssl=1 300w, https:\/\/i0.wp.com\/itayachtscanada.com\/wp-content\/uploads\/2024\/08\/Capture-decran-le-2024-08-15-a-14.58.50.jpg?resize=1024%2C672&amp;ssl=1 1024w, https:\/\/i0.wp.com\/itayachtscanada.com\/wp-content\/uploads\/2024\/08\/Capture-decran-le-2024-08-15-a-14.58.50.jpg?resize=768%2C504&amp;ssl=1 768w, https:\/\/i0.wp.com\/itayachtscanada.com\/wp-content\/uploads\/2024\/08\/Capture-decran-le-2024-08-15-a-14.58.50.jpg?resize=1536%2C1008&amp;ssl=1 1536w, https:\/\/i0.wp.com\/itayachtscanada.com\/wp-content\/uploads\/2024\/08\/Capture-decran-le-2024-08-15-a-14.58.50.jpg?resize=700%2C459&amp;ssl=1 700w, https:\/\/i0.wp.com\/itayachtscanada.com\/wp-content\/uploads\/2024\/08\/Capture-decran-le-2024-08-15-a-14.58.50.jpg?resize=610%2C400&amp;ssl=1 610w, https:\/\/i0.wp.com\/itayachtscanada.com\/wp-content\/uploads\/2024\/08\/Capture-decran-le-2024-08-15-a-14.58.50.jpg?w=1400&amp;ssl=1 1400w\" width=\"236\" height=\"155\" loading=\"lazy\" data-original-width=\"236\" data-original-height=\"155\" itemprop=\"http:\/\/schema.org\/image\" title=\"Capture d\u2019e\u0301cran, le 2024-08-15 a\u0300 14.58.50\" alt=\"Capture d\u2019e\u0301cran, le 2024-08-15 a\u0300 14.58.50\" style=\"width: 236px; height: 155px;\" \/> <\/a> <\/div> <div class=\"tiled-gallery-item tiled-gallery-item-small\" itemprop=\"associatedMedia\" itemscope itemtype=\"http:\/\/schema.org\/ImageObject\"> <a href=\"https:\/\/itayachtscanada.com\/fr\/listing\/riva-90-argo-2023-9950000-usd-for-sale\/capture-decran-le-2024-08-15-a-14-58-19\/\" border=\"0\" itemprop=\"url\"> <meta itemprop=\"width\" content=\"236\"> <meta itemprop=\"height\" content=\"158\"> <img decoding=\"async\" class=\"\" data-attachment-id=\"173575\" data-orig-file=\"https:\/\/itayachtscanada.com\/wp-content\/uploads\/2024\/08\/Capture-decran-le-2024-08-15-a-14.58.19.jpg\" data-orig-size=\"1770,1182\" data-comments-opened=\"1\" data-image-meta=\"{&quot;aperture&quot;:&quot;0&quot;,&quot;credit&quot;:&quot;&quot;,&quot;camera&quot;:&quot;&quot;,&quot;caption&quot;:&quot;&quot;,&quot;created_timestamp&quot;:&quot;0&quot;,&quot;copyright&quot;:&quot;&quot;,&quot;focal_length&quot;:&quot;0&quot;,&quot;iso&quot;:&quot;0&quot;,&quot;shutter_speed&quot;:&quot;0&quot;,&quot;title&quot;:&quot;&quot;,&quot;orientation&quot;:&quot;0&quot;}\" data-image-title=\"Capture d\u2019e\u0301cran, le 2024-08-15 a\u0300 14.58.19\" data-image-description=\"\" data-medium-file=\"https:\/\/i0.wp.com\/itayachtscanada.com\/wp-content\/uploads\/2024\/08\/Capture-decran-le-2024-08-15-a-14.58.19.jpg?fit=300%2C200&#038;ssl=1\" data-large-file=\"https:\/\/i0.wp.com\/itayachtscanada.com\/wp-content\/uploads\/2024\/08\/Capture-decran-le-2024-08-15-a-14.58.19.jpg?fit=700%2C468&#038;ssl=1\" src=\"https:\/\/i0.wp.com\/itayachtscanada.com\/wp-content\/uploads\/2024\/08\/Capture-decran-le-2024-08-15-a-14.58.19.jpg?w=236&#038;h=158&#038;ssl=1\" srcset=\"https:\/\/i0.wp.com\/itayachtscanada.com\/wp-content\/uploads\/2024\/08\/Capture-decran-le-2024-08-15-a-14.58.19.jpg?w=1770&amp;ssl=1 1770w, https:\/\/i0.wp.com\/itayachtscanada.com\/wp-content\/uploads\/2024\/08\/Capture-decran-le-2024-08-15-a-14.58.19.jpg?resize=300%2C200&amp;ssl=1 300w, https:\/\/i0.wp.com\/itayachtscanada.com\/wp-content\/uploads\/2024\/08\/Capture-decran-le-2024-08-15-a-14.58.19.jpg?resize=1024%2C684&amp;ssl=1 1024w, https:\/\/i0.wp.com\/itayachtscanada.com\/wp-content\/uploads\/2024\/08\/Capture-decran-le-2024-08-15-a-14.58.19.jpg?resize=768%2C513&amp;ssl=1 768w, https:\/\/i0.wp.com\/itayachtscanada.com\/wp-content\/uploads\/2024\/08\/Capture-decran-le-2024-08-15-a-14.58.19.jpg?resize=1536%2C1026&amp;ssl=1 1536w, https:\/\/i0.wp.com\/itayachtscanada.com\/wp-content\/uploads\/2024\/08\/Capture-decran-le-2024-08-15-a-14.58.19.jpg?resize=700%2C467&amp;ssl=1 700w, https:\/\/i0.wp.com\/itayachtscanada.com\/wp-content\/uploads\/2024\/08\/Capture-decran-le-2024-08-15-a-14.58.19.jpg?resize=900%2C600&amp;ssl=1 900w, https:\/\/i0.wp.com\/itayachtscanada.com\/wp-content\/uploads\/2024\/08\/Capture-decran-le-2024-08-15-a-14.58.19.jpg?resize=599%2C400&amp;ssl=1 599w, https:\/\/i0.wp.com\/itayachtscanada.com\/wp-content\/uploads\/2024\/08\/Capture-decran-le-2024-08-15-a-14.58.19.jpg?w=1400&amp;ssl=1 1400w\" width=\"236\" height=\"158\" loading=\"lazy\" data-original-width=\"236\" data-original-height=\"158\" itemprop=\"http:\/\/schema.org\/image\" title=\"Capture d\u2019e\u0301cran, le 2024-08-15 a\u0300 14.58.19\" alt=\"Capture d\u2019e\u0301cran, le 2024-08-15 a\u0300 14.58.19\" style=\"width: 236px; height: 158px;\" \/> <\/a> <\/div> <\/div> <!-- close group --> <\/div> <!-- close row --> <div class=\"gallery-row\" style=\"width: 700px; height: 591px;\" data-original-width=\"700\" data-original-height=\"591\" > <div class=\"gallery-group images-3\" style=\"width: 298px; height: 591px;\" data-original-width=\"298\" data-original-height=\"591\" > <div class=\"tiled-gallery-item tiled-gallery-item-large\" itemprop=\"associatedMedia\" itemscope itemtype=\"http:\/\/schema.org\/ImageObject\"> <a href=\"https:\/\/itayachtscanada.com\/fr\/listing\/riva-90-argo-2023-9950000-usd-for-sale\/capture-decran-le-2024-08-15-a-14-58-58\/\" border=\"0\" itemprop=\"url\"> <meta itemprop=\"width\" content=\"294\"> <meta itemprop=\"height\" content=\"193\"> <img decoding=\"async\" class=\"\" data-attachment-id=\"173570\" data-orig-file=\"https:\/\/itayachtscanada.com\/wp-content\/uploads\/2024\/08\/Capture-decran-le-2024-08-15-a-14.58.58.jpg\" data-orig-size=\"1802,1182\" data-comments-opened=\"1\" data-image-meta=\"{&quot;aperture&quot;:&quot;0&quot;,&quot;credit&quot;:&quot;&quot;,&quot;camera&quot;:&quot;&quot;,&quot;caption&quot;:&quot;&quot;,&quot;created_timestamp&quot;:&quot;0&quot;,&quot;copyright&quot;:&quot;&quot;,&quot;focal_length&quot;:&quot;0&quot;,&quot;iso&quot;:&quot;0&quot;,&quot;shutter_speed&quot;:&quot;0&quot;,&quot;title&quot;:&quot;&quot;,&quot;orientation&quot;:&quot;0&quot;}\" data-image-title=\"Capture d\u2019e\u0301cran, le 2024-08-15 a\u0300 14.58.58\" data-image-description=\"\" data-medium-file=\"https:\/\/i0.wp.com\/itayachtscanada.com\/wp-content\/uploads\/2024\/08\/Capture-decran-le-2024-08-15-a-14.58.58.jpg?fit=300%2C197&#038;ssl=1\" data-large-file=\"https:\/\/i0.wp.com\/itayachtscanada.com\/wp-content\/uploads\/2024\/08\/Capture-decran-le-2024-08-15-a-14.58.58.jpg?fit=700%2C459&#038;ssl=1\" src=\"https:\/\/i0.wp.com\/itayachtscanada.com\/wp-content\/uploads\/2024\/08\/Capture-decran-le-2024-08-15-a-14.58.58.jpg?w=294&#038;h=193&#038;ssl=1\" srcset=\"https:\/\/i0.wp.com\/itayachtscanada.com\/wp-content\/uploads\/2024\/08\/Capture-decran-le-2024-08-15-a-14.58.58.jpg?w=1802&amp;ssl=1 1802w, https:\/\/i0.wp.com\/itayachtscanada.com\/wp-content\/uploads\/2024\/08\/Capture-decran-le-2024-08-15-a-14.58.58.jpg?resize=300%2C197&amp;ssl=1 300w, https:\/\/i0.wp.com\/itayachtscanada.com\/wp-content\/uploads\/2024\/08\/Capture-decran-le-2024-08-15-a-14.58.58.jpg?resize=1024%2C672&amp;ssl=1 1024w, https:\/\/i0.wp.com\/itayachtscanada.com\/wp-content\/uploads\/2024\/08\/Capture-decran-le-2024-08-15-a-14.58.58.jpg?resize=768%2C504&amp;ssl=1 768w, https:\/\/i0.wp.com\/itayachtscanada.com\/wp-content\/uploads\/2024\/08\/Capture-decran-le-2024-08-15-a-14.58.58.jpg?resize=1536%2C1008&amp;ssl=1 1536w, https:\/\/i0.wp.com\/itayachtscanada.com\/wp-content\/uploads\/2024\/08\/Capture-decran-le-2024-08-15-a-14.58.58.jpg?resize=700%2C459&amp;ssl=1 700w, https:\/\/i0.wp.com\/itayachtscanada.com\/wp-content\/uploads\/2024\/08\/Capture-decran-le-2024-08-15-a-14.58.58.jpg?resize=610%2C400&amp;ssl=1 610w, https:\/\/i0.wp.com\/itayachtscanada.com\/wp-content\/uploads\/2024\/08\/Capture-decran-le-2024-08-15-a-14.58.58.jpg?w=1400&amp;ssl=1 1400w\" width=\"294\" height=\"193\" loading=\"lazy\" data-original-width=\"294\" data-original-height=\"193\" itemprop=\"http:\/\/schema.org\/image\" title=\"Capture d\u2019e\u0301cran, le 2024-08-15 a\u0300 14.58.58\" alt=\"Capture d\u2019e\u0301cran, le 2024-08-15 a\u0300 14.58.58\" style=\"width: 294px; height: 193px;\" \/> <\/a> <\/div> <div class=\"tiled-gallery-item tiled-gallery-item-large\" itemprop=\"associatedMedia\" itemscope itemtype=\"http:\/\/schema.org\/ImageObject\"> <a href=\"https:\/\/itayachtscanada.com\/fr\/listing\/riva-90-argo-2023-9950000-usd-for-sale\/capture-decran-le-2024-08-15-a-14-59-02\/\" border=\"0\" itemprop=\"url\"> <meta itemprop=\"width\" content=\"294\"> <meta itemprop=\"height\" content=\"192\"> <img decoding=\"async\" class=\"\" data-attachment-id=\"173569\" data-orig-file=\"https:\/\/itayachtscanada.com\/wp-content\/uploads\/2024\/08\/Capture-decran-le-2024-08-15-a-14.59.02.jpg\" data-orig-size=\"1802,1182\" data-comments-opened=\"1\" data-image-meta=\"{&quot;aperture&quot;:&quot;0&quot;,&quot;credit&quot;:&quot;&quot;,&quot;camera&quot;:&quot;&quot;,&quot;caption&quot;:&quot;&quot;,&quot;created_timestamp&quot;:&quot;0&quot;,&quot;copyright&quot;:&quot;&quot;,&quot;focal_length&quot;:&quot;0&quot;,&quot;iso&quot;:&quot;0&quot;,&quot;shutter_speed&quot;:&quot;0&quot;,&quot;title&quot;:&quot;&quot;,&quot;orientation&quot;:&quot;0&quot;}\" data-image-title=\"Capture d\u2019e\u0301cran, le 2024-08-15 a\u0300 14.59.02\" data-image-description=\"\" data-medium-file=\"https:\/\/i0.wp.com\/itayachtscanada.com\/wp-content\/uploads\/2024\/08\/Capture-decran-le-2024-08-15-a-14.59.02.jpg?fit=300%2C197&#038;ssl=1\" data-large-file=\"https:\/\/i0.wp.com\/itayachtscanada.com\/wp-content\/uploads\/2024\/08\/Capture-decran-le-2024-08-15-a-14.59.02.jpg?fit=700%2C459&#038;ssl=1\" src=\"https:\/\/i0.wp.com\/itayachtscanada.com\/wp-content\/uploads\/2024\/08\/Capture-decran-le-2024-08-15-a-14.59.02.jpg?w=294&#038;h=192&#038;ssl=1\" srcset=\"https:\/\/i0.wp.com\/itayachtscanada.com\/wp-content\/uploads\/2024\/08\/Capture-decran-le-2024-08-15-a-14.59.02.jpg?w=1802&amp;ssl=1 1802w, https:\/\/i0.wp.com\/itayachtscanada.com\/wp-content\/uploads\/2024\/08\/Capture-decran-le-2024-08-15-a-14.59.02.jpg?resize=300%2C197&amp;ssl=1 300w, https:\/\/i0.wp.com\/itayachtscanada.com\/wp-content\/uploads\/2024\/08\/Capture-decran-le-2024-08-15-a-14.59.02.jpg?resize=1024%2C672&amp;ssl=1 1024w, https:\/\/i0.wp.com\/itayachtscanada.com\/wp-content\/uploads\/2024\/08\/Capture-decran-le-2024-08-15-a-14.59.02.jpg?resize=768%2C504&amp;ssl=1 768w, https:\/\/i0.wp.com\/itayachtscanada.com\/wp-content\/uploads\/2024\/08\/Capture-decran-le-2024-08-15-a-14.59.02.jpg?resize=1536%2C1008&amp;ssl=1 1536w, https:\/\/i0.wp.com\/itayachtscanada.com\/wp-content\/uploads\/2024\/08\/Capture-decran-le-2024-08-15-a-14.59.02.jpg?resize=700%2C459&amp;ssl=1 700w, https:\/\/i0.wp.com\/itayachtscanada.com\/wp-content\/uploads\/2024\/08\/Capture-decran-le-2024-08-15-a-14.59.02.jpg?resize=610%2C400&amp;ssl=1 610w, https:\/\/i0.wp.com\/itayachtscanada.com\/wp-content\/uploads\/2024\/08\/Capture-decran-le-2024-08-15-a-14.59.02.jpg?w=1400&amp;ssl=1 1400w\" width=\"294\" height=\"192\" loading=\"lazy\" data-original-width=\"294\" data-original-height=\"192\" itemprop=\"http:\/\/schema.org\/image\" title=\"Capture d\u2019e\u0301cran, le 2024-08-15 a\u0300 14.59.02\" alt=\"Capture d\u2019e\u0301cran, le 2024-08-15 a\u0300 14.59.02\" style=\"width: 294px; height: 192px;\" \/> <\/a> <\/div> <div class=\"tiled-gallery-item tiled-gallery-item-large\" itemprop=\"associatedMedia\" itemscope itemtype=\"http:\/\/schema.org\/ImageObject\"> <a href=\"https:\/\/itayachtscanada.com\/fr\/listing\/riva-90-argo-2023-9950000-usd-for-sale\/capture-decran-le-2024-08-15-a-14-58-30\/\" border=\"0\" itemprop=\"url\"> <meta itemprop=\"width\" content=\"294\"> <meta itemprop=\"height\" content=\"194\"> <img decoding=\"async\" class=\"\" data-attachment-id=\"173573\" data-orig-file=\"https:\/\/itayachtscanada.com\/wp-content\/uploads\/2024\/08\/Capture-decran-le-2024-08-15-a-14.58.30.jpg\" data-orig-size=\"1788,1182\" data-comments-opened=\"1\" data-image-meta=\"{&quot;aperture&quot;:&quot;0&quot;,&quot;credit&quot;:&quot;&quot;,&quot;camera&quot;:&quot;&quot;,&quot;caption&quot;:&quot;&quot;,&quot;created_timestamp&quot;:&quot;0&quot;,&quot;copyright&quot;:&quot;&quot;,&quot;focal_length&quot;:&quot;0&quot;,&quot;iso&quot;:&quot;0&quot;,&quot;shutter_speed&quot;:&quot;0&quot;,&quot;title&quot;:&quot;&quot;,&quot;orientation&quot;:&quot;0&quot;}\" data-image-title=\"Capture d\u2019e\u0301cran, le 2024-08-15 a\u0300 14.58.30\" data-image-description=\"\" data-medium-file=\"https:\/\/i0.wp.com\/itayachtscanada.com\/wp-content\/uploads\/2024\/08\/Capture-decran-le-2024-08-15-a-14.58.30.jpg?fit=300%2C198&#038;ssl=1\" data-large-file=\"https:\/\/i0.wp.com\/itayachtscanada.com\/wp-content\/uploads\/2024\/08\/Capture-decran-le-2024-08-15-a-14.58.30.jpg?fit=700%2C463&#038;ssl=1\" src=\"https:\/\/i0.wp.com\/itayachtscanada.com\/wp-content\/uploads\/2024\/08\/Capture-decran-le-2024-08-15-a-14.58.30.jpg?w=294&#038;h=194&#038;ssl=1\" srcset=\"https:\/\/i0.wp.com\/itayachtscanada.com\/wp-content\/uploads\/2024\/08\/Capture-decran-le-2024-08-15-a-14.58.30.jpg?w=1788&amp;ssl=1 1788w, https:\/\/i0.wp.com\/itayachtscanada.com\/wp-content\/uploads\/2024\/08\/Capture-decran-le-2024-08-15-a-14.58.30.jpg?resize=300%2C198&amp;ssl=1 300w, https:\/\/i0.wp.com\/itayachtscanada.com\/wp-content\/uploads\/2024\/08\/Capture-decran-le-2024-08-15-a-14.58.30.jpg?resize=1024%2C677&amp;ssl=1 1024w, https:\/\/i0.wp.com\/itayachtscanada.com\/wp-content\/uploads\/2024\/08\/Capture-decran-le-2024-08-15-a-14.58.30.jpg?resize=768%2C508&amp;ssl=1 768w, https:\/\/i0.wp.com\/itayachtscanada.com\/wp-content\/uploads\/2024\/08\/Capture-decran-le-2024-08-15-a-14.58.30.jpg?resize=1536%2C1015&amp;ssl=1 1536w, https:\/\/i0.wp.com\/itayachtscanada.com\/wp-content\/uploads\/2024\/08\/Capture-decran-le-2024-08-15-a-14.58.30.jpg?resize=700%2C463&amp;ssl=1 700w, https:\/\/i0.wp.com\/itayachtscanada.com\/wp-content\/uploads\/2024\/08\/Capture-decran-le-2024-08-15-a-14.58.30.jpg?resize=605%2C400&amp;ssl=1 605w, https:\/\/i0.wp.com\/itayachtscanada.com\/wp-content\/uploads\/2024\/08\/Capture-decran-le-2024-08-15-a-14.58.30.jpg?w=1400&amp;ssl=1 1400w\" width=\"294\" height=\"194\" loading=\"lazy\" data-original-width=\"294\" data-original-height=\"194\" itemprop=\"http:\/\/schema.org\/image\" title=\"Capture d\u2019e\u0301cran, le 2024-08-15 a\u0300 14.58.30\" alt=\"Capture d\u2019e\u0301cran, le 2024-08-15 a\u0300 14.58.30\" style=\"width: 294px; height: 194px;\" \/> <\/a> <\/div> <\/div> <!-- close group --> <div class=\"gallery-group images-1\" style=\"width: 402px; height: 591px;\" data-original-width=\"402\" data-original-height=\"591\" > <div class=\"tiled-gallery-item tiled-gallery-item-large\" itemprop=\"associatedMedia\" itemscope itemtype=\"http:\/\/schema.org\/ImageObject\"> <a href=\"https:\/\/itayachtscanada.com\/fr\/listing\/riva-90-argo-2023-9950000-usd-for-sale\/capture-decran-le-2024-08-15-a-14-58-22\/\" border=\"0\" itemprop=\"url\"> <meta itemprop=\"width\" content=\"398\"> <meta itemprop=\"height\" content=\"587\"> <img decoding=\"async\" class=\"\" data-attachment-id=\"173574\" data-orig-file=\"https:\/\/itayachtscanada.com\/wp-content\/uploads\/2024\/08\/Capture-decran-le-2024-08-15-a-14.58.22.jpg\" data-orig-size=\"802,1182\" data-comments-opened=\"1\" data-image-meta=\"{&quot;aperture&quot;:&quot;0&quot;,&quot;credit&quot;:&quot;&quot;,&quot;camera&quot;:&quot;&quot;,&quot;caption&quot;:&quot;&quot;,&quot;created_timestamp&quot;:&quot;0&quot;,&quot;copyright&quot;:&quot;&quot;,&quot;focal_length&quot;:&quot;0&quot;,&quot;iso&quot;:&quot;0&quot;,&quot;shutter_speed&quot;:&quot;0&quot;,&quot;title&quot;:&quot;&quot;,&quot;orientation&quot;:&quot;0&quot;}\" data-image-title=\"Capture d\u2019e\u0301cran, le 2024-08-15 a\u0300 14.58.22\" data-image-description=\"\" data-medium-file=\"https:\/\/i0.wp.com\/itayachtscanada.com\/wp-content\/uploads\/2024\/08\/Capture-decran-le-2024-08-15-a-14.58.22.jpg?fit=204%2C300&#038;ssl=1\" data-large-file=\"https:\/\/i0.wp.com\/itayachtscanada.com\/wp-content\/uploads\/2024\/08\/Capture-decran-le-2024-08-15-a-14.58.22.jpg?fit=695%2C1024&#038;ssl=1\" src=\"https:\/\/i0.wp.com\/itayachtscanada.com\/wp-content\/uploads\/2024\/08\/Capture-decran-le-2024-08-15-a-14.58.22.jpg?w=398&#038;h=587&#038;ssl=1\" srcset=\"https:\/\/i0.wp.com\/itayachtscanada.com\/wp-content\/uploads\/2024\/08\/Capture-decran-le-2024-08-15-a-14.58.22.jpg?w=802&amp;ssl=1 802w, https:\/\/i0.wp.com\/itayachtscanada.com\/wp-content\/uploads\/2024\/08\/Capture-decran-le-2024-08-15-a-14.58.22.jpg?resize=204%2C300&amp;ssl=1 204w, https:\/\/i0.wp.com\/itayachtscanada.com\/wp-content\/uploads\/2024\/08\/Capture-decran-le-2024-08-15-a-14.58.22.jpg?resize=695%2C1024&amp;ssl=1 695w, https:\/\/i0.wp.com\/itayachtscanada.com\/wp-content\/uploads\/2024\/08\/Capture-decran-le-2024-08-15-a-14.58.22.jpg?resize=768%2C1132&amp;ssl=1 768w, https:\/\/i0.wp.com\/itayachtscanada.com\/wp-content\/uploads\/2024\/08\/Capture-decran-le-2024-08-15-a-14.58.22.jpg?resize=700%2C1032&amp;ssl=1 700w, https:\/\/i0.wp.com\/itayachtscanada.com\/wp-content\/uploads\/2024\/08\/Capture-decran-le-2024-08-15-a-14.58.22.jpg?resize=271%2C400&amp;ssl=1 271w\" width=\"398\" height=\"587\" loading=\"lazy\" data-original-width=\"398\" data-original-height=\"587\" itemprop=\"http:\/\/schema.org\/image\" title=\"Capture d\u2019e\u0301cran, le 2024-08-15 a\u0300 14.58.22\" alt=\"Capture d\u2019e\u0301cran, le 2024-08-15 a\u0300 14.58.22\" style=\"width: 398px; height: 587px;\" \/> <\/a> <\/div> <\/div> <!-- close group --> <\/div> <!-- close row --> <div class=\"gallery-row\" style=\"width: 700px; height: 492px;\" data-original-width=\"700\" data-original-height=\"492\" > <div class=\"gallery-group images-2\" style=\"width: 366px; height: 492px;\" data-original-width=\"366\" data-original-height=\"492\" > <div class=\"tiled-gallery-item tiled-gallery-item-large\" itemprop=\"associatedMedia\" itemscope itemtype=\"http:\/\/schema.org\/ImageObject\"> <a href=\"https:\/\/itayachtscanada.com\/fr\/listing\/riva-90-argo-2023-9950000-usd-for-sale\/capture-decran-le-2024-08-15-a-14-58-10\/\" border=\"0\" itemprop=\"url\"> <meta itemprop=\"width\" content=\"362\"> <meta itemprop=\"height\" content=\"242\"> <img decoding=\"async\" class=\"\" data-attachment-id=\"173576\" data-orig-file=\"https:\/\/itayachtscanada.com\/wp-content\/uploads\/2024\/08\/Capture-decran-le-2024-08-15-a-14.58.10.jpg\" data-orig-size=\"1770,1182\" data-comments-opened=\"1\" data-image-meta=\"{&quot;aperture&quot;:&quot;0&quot;,&quot;credit&quot;:&quot;&quot;,&quot;camera&quot;:&quot;&quot;,&quot;caption&quot;:&quot;&quot;,&quot;created_timestamp&quot;:&quot;0&quot;,&quot;copyright&quot;:&quot;&quot;,&quot;focal_length&quot;:&quot;0&quot;,&quot;iso&quot;:&quot;0&quot;,&quot;shutter_speed&quot;:&quot;0&quot;,&quot;title&quot;:&quot;&quot;,&quot;orientation&quot;:&quot;0&quot;}\" data-image-title=\"Capture d\u2019e\u0301cran, le 2024-08-15 a\u0300 14.58.10\" data-image-description=\"\" data-medium-file=\"https:\/\/i0.wp.com\/itayachtscanada.com\/wp-content\/uploads\/2024\/08\/Capture-decran-le-2024-08-15-a-14.58.10.jpg?fit=300%2C200&#038;ssl=1\" data-large-file=\"https:\/\/i0.wp.com\/itayachtscanada.com\/wp-content\/uploads\/2024\/08\/Capture-decran-le-2024-08-15-a-14.58.10.jpg?fit=700%2C468&#038;ssl=1\" src=\"https:\/\/i0.wp.com\/itayachtscanada.com\/wp-content\/uploads\/2024\/08\/Capture-decran-le-2024-08-15-a-14.58.10.jpg?w=362&#038;h=242&#038;ssl=1\" srcset=\"https:\/\/i0.wp.com\/itayachtscanada.com\/wp-content\/uploads\/2024\/08\/Capture-decran-le-2024-08-15-a-14.58.10.jpg?w=1770&amp;ssl=1 1770w, https:\/\/i0.wp.com\/itayachtscanada.com\/wp-content\/uploads\/2024\/08\/Capture-decran-le-2024-08-15-a-14.58.10.jpg?resize=300%2C200&amp;ssl=1 300w, https:\/\/i0.wp.com\/itayachtscanada.com\/wp-content\/uploads\/2024\/08\/Capture-decran-le-2024-08-15-a-14.58.10.jpg?resize=1024%2C684&amp;ssl=1 1024w, https:\/\/i0.wp.com\/itayachtscanada.com\/wp-content\/uploads\/2024\/08\/Capture-decran-le-2024-08-15-a-14.58.10.jpg?resize=768%2C513&amp;ssl=1 768w, https:\/\/i0.wp.com\/itayachtscanada.com\/wp-content\/uploads\/2024\/08\/Capture-decran-le-2024-08-15-a-14.58.10.jpg?resize=1536%2C1026&amp;ssl=1 1536w, https:\/\/i0.wp.com\/itayachtscanada.com\/wp-content\/uploads\/2024\/08\/Capture-decran-le-2024-08-15-a-14.58.10.jpg?resize=700%2C467&amp;ssl=1 700w, https:\/\/i0.wp.com\/itayachtscanada.com\/wp-content\/uploads\/2024\/08\/Capture-decran-le-2024-08-15-a-14.58.10.jpg?resize=900%2C600&amp;ssl=1 900w, https:\/\/i0.wp.com\/itayachtscanada.com\/wp-content\/uploads\/2024\/08\/Capture-decran-le-2024-08-15-a-14.58.10.jpg?resize=599%2C400&amp;ssl=1 599w, https:\/\/i0.wp.com\/itayachtscanada.com\/wp-content\/uploads\/2024\/08\/Capture-decran-le-2024-08-15-a-14.58.10.jpg?w=1400&amp;ssl=1 1400w\" width=\"362\" height=\"242\" loading=\"lazy\" data-original-width=\"362\" data-original-height=\"242\" itemprop=\"http:\/\/schema.org\/image\" title=\"Capture d\u2019e\u0301cran, le 2024-08-15 a\u0300 14.58.10\" alt=\"Capture d\u2019e\u0301cran, le 2024-08-15 a\u0300 14.58.10\" style=\"width: 362px; height: 242px;\" \/> <\/a> <\/div> <div class=\"tiled-gallery-item tiled-gallery-item-large\" itemprop=\"associatedMedia\" itemscope itemtype=\"http:\/\/schema.org\/ImageObject\"> <a href=\"https:\/\/itayachtscanada.com\/fr\/listing\/riva-90-argo-2023-9950000-usd-for-sale\/capture-decran-le-2024-08-15-a-14-58-07\/\" border=\"0\" itemprop=\"url\"> <meta itemprop=\"width\" content=\"362\"> <meta itemprop=\"height\" content=\"242\"> <img decoding=\"async\" class=\"\" data-attachment-id=\"173577\" data-orig-file=\"https:\/\/itayachtscanada.com\/wp-content\/uploads\/2024\/08\/Capture-decran-le-2024-08-15-a-14.58.07.jpg\" data-orig-size=\"1770,1182\" data-comments-opened=\"1\" data-image-meta=\"{&quot;aperture&quot;:&quot;0&quot;,&quot;credit&quot;:&quot;&quot;,&quot;camera&quot;:&quot;&quot;,&quot;caption&quot;:&quot;&quot;,&quot;created_timestamp&quot;:&quot;0&quot;,&quot;copyright&quot;:&quot;&quot;,&quot;focal_length&quot;:&quot;0&quot;,&quot;iso&quot;:&quot;0&quot;,&quot;shutter_speed&quot;:&quot;0&quot;,&quot;title&quot;:&quot;&quot;,&quot;orientation&quot;:&quot;0&quot;}\" data-image-title=\"Capture d\u2019e\u0301cran, le 2024-08-15 a\u0300 14.58.07\" data-image-description=\"\" data-medium-file=\"https:\/\/i0.wp.com\/itayachtscanada.com\/wp-content\/uploads\/2024\/08\/Capture-decran-le-2024-08-15-a-14.58.07.jpg?fit=300%2C200&#038;ssl=1\" data-large-file=\"https:\/\/i0.wp.com\/itayachtscanada.com\/wp-content\/uploads\/2024\/08\/Capture-decran-le-2024-08-15-a-14.58.07.jpg?fit=700%2C468&#038;ssl=1\" src=\"https:\/\/i0.wp.com\/itayachtscanada.com\/wp-content\/uploads\/2024\/08\/Capture-decran-le-2024-08-15-a-14.58.07.jpg?w=362&#038;h=242&#038;ssl=1\" srcset=\"https:\/\/i0.wp.com\/itayachtscanada.com\/wp-content\/uploads\/2024\/08\/Capture-decran-le-2024-08-15-a-14.58.07.jpg?w=1770&amp;ssl=1 1770w, https:\/\/i0.wp.com\/itayachtscanada.com\/wp-content\/uploads\/2024\/08\/Capture-decran-le-2024-08-15-a-14.58.07.jpg?resize=300%2C200&amp;ssl=1 300w, https:\/\/i0.wp.com\/itayachtscanada.com\/wp-content\/uploads\/2024\/08\/Capture-decran-le-2024-08-15-a-14.58.07.jpg?resize=1024%2C684&amp;ssl=1 1024w, https:\/\/i0.wp.com\/itayachtscanada.com\/wp-content\/uploads\/2024\/08\/Capture-decran-le-2024-08-15-a-14.58.07.jpg?resize=768%2C513&amp;ssl=1 768w, https:\/\/i0.wp.com\/itayachtscanada.com\/wp-content\/uploads\/2024\/08\/Capture-decran-le-2024-08-15-a-14.58.07.jpg?resize=1536%2C1026&amp;ssl=1 1536w, https:\/\/i0.wp.com\/itayachtscanada.com\/wp-content\/uploads\/2024\/08\/Capture-decran-le-2024-08-15-a-14.58.07.jpg?resize=700%2C467&amp;ssl=1 700w, https:\/\/i0.wp.com\/itayachtscanada.com\/wp-content\/uploads\/2024\/08\/Capture-decran-le-2024-08-15-a-14.58.07.jpg?resize=900%2C600&amp;ssl=1 900w, https:\/\/i0.wp.com\/itayachtscanada.com\/wp-content\/uploads\/2024\/08\/Capture-decran-le-2024-08-15-a-14.58.07.jpg?resize=599%2C400&amp;ssl=1 599w, https:\/\/i0.wp.com\/itayachtscanada.com\/wp-content\/uploads\/2024\/08\/Capture-decran-le-2024-08-15-a-14.58.07.jpg?w=1400&amp;ssl=1 1400w\" width=\"362\" height=\"242\" loading=\"lazy\" data-original-width=\"362\" data-original-height=\"242\" itemprop=\"http:\/\/schema.org\/image\" title=\"Capture d\u2019e\u0301cran, le 2024-08-15 a\u0300 14.58.07\" alt=\"Capture d\u2019e\u0301cran, le 2024-08-15 a\u0300 14.58.07\" style=\"width: 362px; height: 242px;\" \/> <\/a> <\/div> <\/div> <!-- close group --> <div class=\"gallery-group images-1\" style=\"width: 334px; height: 492px;\" data-original-width=\"334\" data-original-height=\"492\" > <div class=\"tiled-gallery-item tiled-gallery-item-large\" itemprop=\"associatedMedia\" itemscope itemtype=\"http:\/\/schema.org\/ImageObject\"> <a href=\"https:\/\/itayachtscanada.com\/fr\/listing\/riva-90-argo-2023-9950000-usd-for-sale\/capture-decran-le-2024-08-15-a-14-59-05\/\" border=\"0\" itemprop=\"url\"> <meta itemprop=\"width\" content=\"330\"> <meta itemprop=\"height\" content=\"488\"> <img decoding=\"async\" class=\"\" data-attachment-id=\"173568\" data-orig-file=\"https:\/\/itayachtscanada.com\/wp-content\/uploads\/2024\/08\/Capture-decran-le-2024-08-15-a-14.59.05.jpg\" data-orig-size=\"798,1182\" data-comments-opened=\"1\" data-image-meta=\"{&quot;aperture&quot;:&quot;0&quot;,&quot;credit&quot;:&quot;&quot;,&quot;camera&quot;:&quot;&quot;,&quot;caption&quot;:&quot;&quot;,&quot;created_timestamp&quot;:&quot;0&quot;,&quot;copyright&quot;:&quot;&quot;,&quot;focal_length&quot;:&quot;0&quot;,&quot;iso&quot;:&quot;0&quot;,&quot;shutter_speed&quot;:&quot;0&quot;,&quot;title&quot;:&quot;&quot;,&quot;orientation&quot;:&quot;0&quot;}\" data-image-title=\"Capture d\u2019e\u0301cran, le 2024-08-15 a\u0300 14.59.05\" data-image-description=\"\" data-medium-file=\"https:\/\/i0.wp.com\/itayachtscanada.com\/wp-content\/uploads\/2024\/08\/Capture-decran-le-2024-08-15-a-14.59.05.jpg?fit=203%2C300&#038;ssl=1\" data-large-file=\"https:\/\/i0.wp.com\/itayachtscanada.com\/wp-content\/uploads\/2024\/08\/Capture-decran-le-2024-08-15-a-14.59.05.jpg?fit=691%2C1024&#038;ssl=1\" src=\"https:\/\/i0.wp.com\/itayachtscanada.com\/wp-content\/uploads\/2024\/08\/Capture-decran-le-2024-08-15-a-14.59.05.jpg?w=330&#038;h=488&#038;ssl=1\" srcset=\"https:\/\/i0.wp.com\/itayachtscanada.com\/wp-content\/uploads\/2024\/08\/Capture-decran-le-2024-08-15-a-14.59.05.jpg?w=798&amp;ssl=1 798w, https:\/\/i0.wp.com\/itayachtscanada.com\/wp-content\/uploads\/2024\/08\/Capture-decran-le-2024-08-15-a-14.59.05.jpg?resize=203%2C300&amp;ssl=1 203w, https:\/\/i0.wp.com\/itayachtscanada.com\/wp-content\/uploads\/2024\/08\/Capture-decran-le-2024-08-15-a-14.59.05.jpg?resize=691%2C1024&amp;ssl=1 691w, https:\/\/i0.wp.com\/itayachtscanada.com\/wp-content\/uploads\/2024\/08\/Capture-decran-le-2024-08-15-a-14.59.05.jpg?resize=768%2C1138&amp;ssl=1 768w, https:\/\/i0.wp.com\/itayachtscanada.com\/wp-content\/uploads\/2024\/08\/Capture-decran-le-2024-08-15-a-14.59.05.jpg?resize=700%2C1037&amp;ssl=1 700w, https:\/\/i0.wp.com\/itayachtscanada.com\/wp-content\/uploads\/2024\/08\/Capture-decran-le-2024-08-15-a-14.59.05.jpg?resize=270%2C400&amp;ssl=1 270w\" width=\"330\" height=\"488\" loading=\"lazy\" data-original-width=\"330\" data-original-height=\"488\" itemprop=\"http:\/\/schema.org\/image\" title=\"Capture d\u2019e\u0301cran, le 2024-08-15 a\u0300 14.59.05\" alt=\"Capture d\u2019e\u0301cran, le 2024-08-15 a\u0300 14.59.05\" style=\"width: 330px; height: 488px;\" \/> <\/a> <\/div> <\/div> <!-- close group --> <\/div> <!-- close row --> <div class=\"gallery-row\" style=\"width: 700px; height: 313px;\" data-original-width=\"700\" data-original-height=\"313\" > <div class=\"gallery-group images-1\" style=\"width: 467px; height: 313px;\" data-original-width=\"467\" data-original-height=\"313\" > <div class=\"tiled-gallery-item tiled-gallery-item-large\" itemprop=\"associatedMedia\" itemscope itemtype=\"http:\/\/schema.org\/ImageObject\"> <a href=\"https:\/\/itayachtscanada.com\/fr\/listing\/riva-90-argo-2023-9950000-usd-for-sale\/capture-decran-le-2024-08-15-a-14-57-55\/\" border=\"0\" itemprop=\"url\"> <meta itemprop=\"width\" content=\"463\"> <meta itemprop=\"height\" content=\"309\"> <img decoding=\"async\" class=\"\" data-attachment-id=\"173580\" data-orig-file=\"https:\/\/itayachtscanada.com\/wp-content\/uploads\/2024\/08\/Capture-decran-le-2024-08-15-a-14.57.55.jpg\" data-orig-size=\"1770,1182\" data-comments-opened=\"1\" data-image-meta=\"{&quot;aperture&quot;:&quot;0&quot;,&quot;credit&quot;:&quot;&quot;,&quot;camera&quot;:&quot;&quot;,&quot;caption&quot;:&quot;&quot;,&quot;created_timestamp&quot;:&quot;0&quot;,&quot;copyright&quot;:&quot;&quot;,&quot;focal_length&quot;:&quot;0&quot;,&quot;iso&quot;:&quot;0&quot;,&quot;shutter_speed&quot;:&quot;0&quot;,&quot;title&quot;:&quot;&quot;,&quot;orientation&quot;:&quot;0&quot;}\" data-image-title=\"Capture d\u2019e\u0301cran, le 2024-08-15 a\u0300 14.57.55\" data-image-description=\"\" data-medium-file=\"https:\/\/i0.wp.com\/itayachtscanada.com\/wp-content\/uploads\/2024\/08\/Capture-decran-le-2024-08-15-a-14.57.55.jpg?fit=300%2C200&#038;ssl=1\" data-large-file=\"https:\/\/i0.wp.com\/itayachtscanada.com\/wp-content\/uploads\/2024\/08\/Capture-decran-le-2024-08-15-a-14.57.55.jpg?fit=700%2C468&#038;ssl=1\" src=\"https:\/\/i0.wp.com\/itayachtscanada.com\/wp-content\/uploads\/2024\/08\/Capture-decran-le-2024-08-15-a-14.57.55.jpg?w=463&#038;h=309&#038;ssl=1\" srcset=\"https:\/\/i0.wp.com\/itayachtscanada.com\/wp-content\/uploads\/2024\/08\/Capture-decran-le-2024-08-15-a-14.57.55.jpg?w=1770&amp;ssl=1 1770w, https:\/\/i0.wp.com\/itayachtscanada.com\/wp-content\/uploads\/2024\/08\/Capture-decran-le-2024-08-15-a-14.57.55.jpg?resize=300%2C200&amp;ssl=1 300w, https:\/\/i0.wp.com\/itayachtscanada.com\/wp-content\/uploads\/2024\/08\/Capture-decran-le-2024-08-15-a-14.57.55.jpg?resize=1024%2C684&amp;ssl=1 1024w, https:\/\/i0.wp.com\/itayachtscanada.com\/wp-content\/uploads\/2024\/08\/Capture-decran-le-2024-08-15-a-14.57.55.jpg?resize=768%2C513&amp;ssl=1 768w, https:\/\/i0.wp.com\/itayachtscanada.com\/wp-content\/uploads\/2024\/08\/Capture-decran-le-2024-08-15-a-14.57.55.jpg?resize=1536%2C1026&amp;ssl=1 1536w, https:\/\/i0.wp.com\/itayachtscanada.com\/wp-content\/uploads\/2024\/08\/Capture-decran-le-2024-08-15-a-14.57.55.jpg?resize=700%2C467&amp;ssl=1 700w, https:\/\/i0.wp.com\/itayachtscanada.com\/wp-content\/uploads\/2024\/08\/Capture-decran-le-2024-08-15-a-14.57.55.jpg?resize=900%2C600&amp;ssl=1 900w, https:\/\/i0.wp.com\/itayachtscanada.com\/wp-content\/uploads\/2024\/08\/Capture-decran-le-2024-08-15-a-14.57.55.jpg?resize=599%2C400&amp;ssl=1 599w, https:\/\/i0.wp.com\/itayachtscanada.com\/wp-content\/uploads\/2024\/08\/Capture-decran-le-2024-08-15-a-14.57.55.jpg?w=1400&amp;ssl=1 1400w\" width=\"463\" height=\"309\" loading=\"lazy\" data-original-width=\"463\" data-original-height=\"309\" itemprop=\"http:\/\/schema.org\/image\" title=\"Capture d\u2019e\u0301cran, le 2024-08-15 a\u0300 14.57.55\" alt=\"Capture d\u2019e\u0301cran, le 2024-08-15 a\u0300 14.57.55\" style=\"width: 463px; height: 309px;\" \/> <\/a> <\/div> <\/div> <!-- close group --> <div class=\"gallery-group images-2\" style=\"width: 233px; height: 313px;\" data-original-width=\"233\" data-original-height=\"313\" > <div class=\"tiled-gallery-item tiled-gallery-item-small\" itemprop=\"associatedMedia\" itemscope itemtype=\"http:\/\/schema.org\/ImageObject\"> <a href=\"https:\/\/itayachtscanada.com\/fr\/listing\/riva-90-argo-2023-9950000-usd-for-sale\/capture-decran-le-2024-08-15-a-14-57-51\/\" border=\"0\" itemprop=\"url\"> <meta itemprop=\"width\" content=\"229\"> <meta itemprop=\"height\" content=\"153\"> <img decoding=\"async\" class=\"\" data-attachment-id=\"173581\" data-orig-file=\"https:\/\/itayachtscanada.com\/wp-content\/uploads\/2024\/08\/Capture-decran-le-2024-08-15-a-14.57.51.jpg\" data-orig-size=\"1770,1182\" data-comments-opened=\"1\" data-image-meta=\"{&quot;aperture&quot;:&quot;0&quot;,&quot;credit&quot;:&quot;&quot;,&quot;camera&quot;:&quot;&quot;,&quot;caption&quot;:&quot;&quot;,&quot;created_timestamp&quot;:&quot;0&quot;,&quot;copyright&quot;:&quot;&quot;,&quot;focal_length&quot;:&quot;0&quot;,&quot;iso&quot;:&quot;0&quot;,&quot;shutter_speed&quot;:&quot;0&quot;,&quot;title&quot;:&quot;&quot;,&quot;orientation&quot;:&quot;0&quot;}\" data-image-title=\"Capture d\u2019e\u0301cran, le 2024-08-15 a\u0300 14.57.51\" data-image-description=\"\" data-medium-file=\"https:\/\/i0.wp.com\/itayachtscanada.com\/wp-content\/uploads\/2024\/08\/Capture-decran-le-2024-08-15-a-14.57.51.jpg?fit=300%2C200&#038;ssl=1\" data-large-file=\"https:\/\/i0.wp.com\/itayachtscanada.com\/wp-content\/uploads\/2024\/08\/Capture-decran-le-2024-08-15-a-14.57.51.jpg?fit=700%2C468&#038;ssl=1\" src=\"https:\/\/i0.wp.com\/itayachtscanada.com\/wp-content\/uploads\/2024\/08\/Capture-decran-le-2024-08-15-a-14.57.51.jpg?w=229&#038;h=153&#038;ssl=1\" srcset=\"https:\/\/i0.wp.com\/itayachtscanada.com\/wp-content\/uploads\/2024\/08\/Capture-decran-le-2024-08-15-a-14.57.51.jpg?w=1770&amp;ssl=1 1770w, https:\/\/i0.wp.com\/itayachtscanada.com\/wp-content\/uploads\/2024\/08\/Capture-decran-le-2024-08-15-a-14.57.51.jpg?resize=300%2C200&amp;ssl=1 300w, https:\/\/i0.wp.com\/itayachtscanada.com\/wp-content\/uploads\/2024\/08\/Capture-decran-le-2024-08-15-a-14.57.51.jpg?resize=1024%2C684&amp;ssl=1 1024w, https:\/\/i0.wp.com\/itayachtscanada.com\/wp-content\/uploads\/2024\/08\/Capture-decran-le-2024-08-15-a-14.57.51.jpg?resize=768%2C513&amp;ssl=1 768w, https:\/\/i0.wp.com\/itayachtscanada.com\/wp-content\/uploads\/2024\/08\/Capture-decran-le-2024-08-15-a-14.57.51.jpg?resize=1536%2C1026&amp;ssl=1 1536w, https:\/\/i0.wp.com\/itayachtscanada.com\/wp-content\/uploads\/2024\/08\/Capture-decran-le-2024-08-15-a-14.57.51.jpg?resize=700%2C467&amp;ssl=1 700w, https:\/\/i0.wp.com\/itayachtscanada.com\/wp-content\/uploads\/2024\/08\/Capture-decran-le-2024-08-15-a-14.57.51.jpg?resize=900%2C600&amp;ssl=1 900w, https:\/\/i0.wp.com\/itayachtscanada.com\/wp-content\/uploads\/2024\/08\/Capture-decran-le-2024-08-15-a-14.57.51.jpg?resize=599%2C400&amp;ssl=1 599w, https:\/\/i0.wp.com\/itayachtscanada.com\/wp-content\/uploads\/2024\/08\/Capture-decran-le-2024-08-15-a-14.57.51.jpg?w=1400&amp;ssl=1 1400w\" width=\"229\" height=\"153\" loading=\"lazy\" data-original-width=\"229\" data-original-height=\"153\" itemprop=\"http:\/\/schema.org\/image\" title=\"Capture d\u2019e\u0301cran, le 2024-08-15 a\u0300 14.57.51\" alt=\"Capture d\u2019e\u0301cran, le 2024-08-15 a\u0300 14.57.51\" style=\"width: 229px; height: 153px;\" \/> <\/a> <\/div> <div class=\"tiled-gallery-item tiled-gallery-item-small\" itemprop=\"associatedMedia\" itemscope itemtype=\"http:\/\/schema.org\/ImageObject\"> <a href=\"https:\/\/itayachtscanada.com\/fr\/listing\/riva-90-argo-2023-9950000-usd-for-sale\/capture-decran-le-2024-08-15-a-14-57-48\/\" border=\"0\" itemprop=\"url\"> <meta itemprop=\"width\" content=\"229\"> <meta itemprop=\"height\" content=\"152\"> <img decoding=\"async\" class=\"\" data-attachment-id=\"173582\" data-orig-file=\"https:\/\/itayachtscanada.com\/wp-content\/uploads\/2024\/08\/Capture-decran-le-2024-08-15-a-14.57.48.jpg\" data-orig-size=\"1770,1182\" data-comments-opened=\"1\" data-image-meta=\"{&quot;aperture&quot;:&quot;0&quot;,&quot;credit&quot;:&quot;&quot;,&quot;camera&quot;:&quot;&quot;,&quot;caption&quot;:&quot;&quot;,&quot;created_timestamp&quot;:&quot;0&quot;,&quot;copyright&quot;:&quot;&quot;,&quot;focal_length&quot;:&quot;0&quot;,&quot;iso&quot;:&quot;0&quot;,&quot;shutter_speed&quot;:&quot;0&quot;,&quot;title&quot;:&quot;&quot;,&quot;orientation&quot;:&quot;0&quot;}\" data-image-title=\"Capture d\u2019e\u0301cran, le 2024-08-15 a\u0300 14.57.48\" data-image-description=\"\" data-medium-file=\"https:\/\/i0.wp.com\/itayachtscanada.com\/wp-content\/uploads\/2024\/08\/Capture-decran-le-2024-08-15-a-14.57.48.jpg?fit=300%2C200&#038;ssl=1\" data-large-file=\"https:\/\/i0.wp.com\/itayachtscanada.com\/wp-content\/uploads\/2024\/08\/Capture-decran-le-2024-08-15-a-14.57.48.jpg?fit=700%2C468&#038;ssl=1\" src=\"https:\/\/i0.wp.com\/itayachtscanada.com\/wp-content\/uploads\/2024\/08\/Capture-decran-le-2024-08-15-a-14.57.48.jpg?w=229&#038;h=152&#038;ssl=1\" srcset=\"https:\/\/i0.wp.com\/itayachtscanada.com\/wp-content\/uploads\/2024\/08\/Capture-decran-le-2024-08-15-a-14.57.48.jpg?w=1770&amp;ssl=1 1770w, https:\/\/i0.wp.com\/itayachtscanada.com\/wp-content\/uploads\/2024\/08\/Capture-decran-le-2024-08-15-a-14.57.48.jpg?resize=300%2C200&amp;ssl=1 300w, https:\/\/i0.wp.com\/itayachtscanada.com\/wp-content\/uploads\/2024\/08\/Capture-decran-le-2024-08-15-a-14.57.48.jpg?resize=1024%2C684&amp;ssl=1 1024w, https:\/\/i0.wp.com\/itayachtscanada.com\/wp-content\/uploads\/2024\/08\/Capture-decran-le-2024-08-15-a-14.57.48.jpg?resize=768%2C513&amp;ssl=1 768w, https:\/\/i0.wp.com\/itayachtscanada.com\/wp-content\/uploads\/2024\/08\/Capture-decran-le-2024-08-15-a-14.57.48.jpg?resize=1536%2C1026&amp;ssl=1 1536w, https:\/\/i0.wp.com\/itayachtscanada.com\/wp-content\/uploads\/2024\/08\/Capture-decran-le-2024-08-15-a-14.57.48.jpg?resize=700%2C467&amp;ssl=1 700w, https:\/\/i0.wp.com\/itayachtscanada.com\/wp-content\/uploads\/2024\/08\/Capture-decran-le-2024-08-15-a-14.57.48.jpg?resize=900%2C600&amp;ssl=1 900w, https:\/\/i0.wp.com\/itayachtscanada.com\/wp-content\/uploads\/2024\/08\/Capture-decran-le-2024-08-15-a-14.57.48.jpg?resize=599%2C400&amp;ssl=1 599w, https:\/\/i0.wp.com\/itayachtscanada.com\/wp-content\/uploads\/2024\/08\/Capture-decran-le-2024-08-15-a-14.57.48.jpg?w=1400&amp;ssl=1 1400w\" width=\"229\" height=\"152\" loading=\"lazy\" data-original-width=\"229\" data-original-height=\"152\" itemprop=\"http:\/\/schema.org\/image\" title=\"Capture d\u2019e\u0301cran, le 2024-08-15 a\u0300 14.57.48\" alt=\"Capture d\u2019e\u0301cran, le 2024-08-15 a\u0300 14.57.48\" style=\"width: 229px; height: 152px;\" \/> <\/a> <\/div> <\/div> <!-- close group --> <\/div> <!-- close row --> <div class=\"gallery-row\" style=\"width: 700px; height: 157px;\" data-original-width=\"700\" data-original-height=\"157\" > <div class=\"gallery-group images-1\" style=\"width: 234px; height: 157px;\" data-original-width=\"234\" data-original-height=\"157\" > <div class=\"tiled-gallery-item tiled-gallery-item-small\" itemprop=\"associatedMedia\" itemscope itemtype=\"http:\/\/schema.org\/ImageObject\"> <a href=\"https:\/\/itayachtscanada.com\/fr\/listing\/riva-90-argo-2023-9950000-usd-for-sale\/capture-decran-le-2024-08-15-a-14-57-45\/\" border=\"0\" itemprop=\"url\"> <meta itemprop=\"width\" content=\"230\"> <meta itemprop=\"height\" content=\"153\"> <img decoding=\"async\" class=\"\" data-attachment-id=\"173583\" data-orig-file=\"https:\/\/itayachtscanada.com\/wp-content\/uploads\/2024\/08\/Capture-decran-le-2024-08-15-a-14.57.45.jpg\" data-orig-size=\"1770,1182\" data-comments-opened=\"1\" data-image-meta=\"{&quot;aperture&quot;:&quot;0&quot;,&quot;credit&quot;:&quot;&quot;,&quot;camera&quot;:&quot;&quot;,&quot;caption&quot;:&quot;&quot;,&quot;created_timestamp&quot;:&quot;0&quot;,&quot;copyright&quot;:&quot;&quot;,&quot;focal_length&quot;:&quot;0&quot;,&quot;iso&quot;:&quot;0&quot;,&quot;shutter_speed&quot;:&quot;0&quot;,&quot;title&quot;:&quot;&quot;,&quot;orientation&quot;:&quot;0&quot;}\" data-image-title=\"Capture d\u2019e\u0301cran, le 2024-08-15 a\u0300 14.57.45\" data-image-description=\"\" data-medium-file=\"https:\/\/i0.wp.com\/itayachtscanada.com\/wp-content\/uploads\/2024\/08\/Capture-decran-le-2024-08-15-a-14.57.45.jpg?fit=300%2C200&#038;ssl=1\" data-large-file=\"https:\/\/i0.wp.com\/itayachtscanada.com\/wp-content\/uploads\/2024\/08\/Capture-decran-le-2024-08-15-a-14.57.45.jpg?fit=700%2C468&#038;ssl=1\" src=\"https:\/\/i0.wp.com\/itayachtscanada.com\/wp-content\/uploads\/2024\/08\/Capture-decran-le-2024-08-15-a-14.57.45.jpg?w=230&#038;h=153&#038;ssl=1\" srcset=\"https:\/\/i0.wp.com\/itayachtscanada.com\/wp-content\/uploads\/2024\/08\/Capture-decran-le-2024-08-15-a-14.57.45.jpg?w=1770&amp;ssl=1 1770w, https:\/\/i0.wp.com\/itayachtscanada.com\/wp-content\/uploads\/2024\/08\/Capture-decran-le-2024-08-15-a-14.57.45.jpg?resize=300%2C200&amp;ssl=1 300w, https:\/\/i0.wp.com\/itayachtscanada.com\/wp-content\/uploads\/2024\/08\/Capture-decran-le-2024-08-15-a-14.57.45.jpg?resize=1024%2C684&amp;ssl=1 1024w, https:\/\/i0.wp.com\/itayachtscanada.com\/wp-content\/uploads\/2024\/08\/Capture-decran-le-2024-08-15-a-14.57.45.jpg?resize=768%2C513&amp;ssl=1 768w, https:\/\/i0.wp.com\/itayachtscanada.com\/wp-content\/uploads\/2024\/08\/Capture-decran-le-2024-08-15-a-14.57.45.jpg?resize=1536%2C1026&amp;ssl=1 1536w, https:\/\/i0.wp.com\/itayachtscanada.com\/wp-content\/uploads\/2024\/08\/Capture-decran-le-2024-08-15-a-14.57.45.jpg?resize=700%2C467&amp;ssl=1 700w, https:\/\/i0.wp.com\/itayachtscanada.com\/wp-content\/uploads\/2024\/08\/Capture-decran-le-2024-08-15-a-14.57.45.jpg?resize=900%2C600&amp;ssl=1 900w, https:\/\/i0.wp.com\/itayachtscanada.com\/wp-content\/uploads\/2024\/08\/Capture-decran-le-2024-08-15-a-14.57.45.jpg?resize=599%2C400&amp;ssl=1 599w, https:\/\/i0.wp.com\/itayachtscanada.com\/wp-content\/uploads\/2024\/08\/Capture-decran-le-2024-08-15-a-14.57.45.jpg?w=1400&amp;ssl=1 1400w\" width=\"230\" height=\"153\" loading=\"lazy\" data-original-width=\"230\" data-original-height=\"153\" itemprop=\"http:\/\/schema.org\/image\" title=\"Capture d\u2019e\u0301cran, le 2024-08-15 a\u0300 14.57.45\" alt=\"Capture d\u2019e\u0301cran, le 2024-08-15 a\u0300 14.57.45\" style=\"width: 230px; height: 153px;\" \/> <\/a> <\/div> <\/div> <!-- close group --> <div class=\"gallery-group images-1\" style=\"width: 233px; height: 157px;\" data-original-width=\"233\" data-original-height=\"157\" > <div class=\"tiled-gallery-item tiled-gallery-item-small\" itemprop=\"associatedMedia\" itemscope itemtype=\"http:\/\/schema.org\/ImageObject\"> <a href=\"https:\/\/itayachtscanada.com\/fr\/listing\/riva-90-argo-2023-9950000-usd-for-sale\/capture-decran-le-2024-08-15-a-14-57-41\/\" border=\"0\" itemprop=\"url\"> <meta itemprop=\"width\" content=\"229\"> <meta itemprop=\"height\" content=\"153\"> <img decoding=\"async\" class=\"\" data-attachment-id=\"173584\" data-orig-file=\"https:\/\/itayachtscanada.com\/wp-content\/uploads\/2024\/08\/Capture-decran-le-2024-08-15-a-14.57.41.jpg\" data-orig-size=\"1770,1182\" data-comments-opened=\"1\" data-image-meta=\"{&quot;aperture&quot;:&quot;0&quot;,&quot;credit&quot;:&quot;&quot;,&quot;camera&quot;:&quot;&quot;,&quot;caption&quot;:&quot;&quot;,&quot;created_timestamp&quot;:&quot;0&quot;,&quot;copyright&quot;:&quot;&quot;,&quot;focal_length&quot;:&quot;0&quot;,&quot;iso&quot;:&quot;0&quot;,&quot;shutter_speed&quot;:&quot;0&quot;,&quot;title&quot;:&quot;&quot;,&quot;orientation&quot;:&quot;0&quot;}\" data-image-title=\"Capture d\u2019e\u0301cran, le 2024-08-15 a\u0300 14.57.41\" data-image-description=\"\" data-medium-file=\"https:\/\/i0.wp.com\/itayachtscanada.com\/wp-content\/uploads\/2024\/08\/Capture-decran-le-2024-08-15-a-14.57.41.jpg?fit=300%2C200&#038;ssl=1\" data-large-file=\"https:\/\/i0.wp.com\/itayachtscanada.com\/wp-content\/uploads\/2024\/08\/Capture-decran-le-2024-08-15-a-14.57.41.jpg?fit=700%2C468&#038;ssl=1\" src=\"https:\/\/i0.wp.com\/itayachtscanada.com\/wp-content\/uploads\/2024\/08\/Capture-decran-le-2024-08-15-a-14.57.41.jpg?w=229&#038;h=153&#038;ssl=1\" srcset=\"https:\/\/i0.wp.com\/itayachtscanada.com\/wp-content\/uploads\/2024\/08\/Capture-decran-le-2024-08-15-a-14.57.41.jpg?w=1770&amp;ssl=1 1770w, https:\/\/i0.wp.com\/itayachtscanada.com\/wp-content\/uploads\/2024\/08\/Capture-decran-le-2024-08-15-a-14.57.41.jpg?resize=300%2C200&amp;ssl=1 300w, https:\/\/i0.wp.com\/itayachtscanada.com\/wp-content\/uploads\/2024\/08\/Capture-decran-le-2024-08-15-a-14.57.41.jpg?resize=1024%2C684&amp;ssl=1 1024w, https:\/\/i0.wp.com\/itayachtscanada.com\/wp-content\/uploads\/2024\/08\/Capture-decran-le-2024-08-15-a-14.57.41.jpg?resize=768%2C513&amp;ssl=1 768w, https:\/\/i0.wp.com\/itayachtscanada.com\/wp-content\/uploads\/2024\/08\/Capture-decran-le-2024-08-15-a-14.57.41.jpg?resize=1536%2C1026&amp;ssl=1 1536w, https:\/\/i0.wp.com\/itayachtscanada.com\/wp-content\/uploads\/2024\/08\/Capture-decran-le-2024-08-15-a-14.57.41.jpg?resize=700%2C467&amp;ssl=1 700w, https:\/\/i0.wp.com\/itayachtscanada.com\/wp-content\/uploads\/2024\/08\/Capture-decran-le-2024-08-15-a-14.57.41.jpg?resize=900%2C600&amp;ssl=1 900w, https:\/\/i0.wp.com\/itayachtscanada.com\/wp-content\/uploads\/2024\/08\/Capture-decran-le-2024-08-15-a-14.57.41.jpg?resize=599%2C400&amp;ssl=1 599w, https:\/\/i0.wp.com\/itayachtscanada.com\/wp-content\/uploads\/2024\/08\/Capture-decran-le-2024-08-15-a-14.57.41.jpg?w=1400&amp;ssl=1 1400w\" width=\"229\" height=\"153\" loading=\"lazy\" data-original-width=\"229\" data-original-height=\"153\" itemprop=\"http:\/\/schema.org\/image\" title=\"Capture d\u2019e\u0301cran, le 2024-08-15 a\u0300 14.57.41\" alt=\"Capture d\u2019e\u0301cran, le 2024-08-15 a\u0300 14.57.41\" style=\"width: 229px; height: 153px;\" \/> <\/a> <\/div> <\/div> <!-- close group --> <div class=\"gallery-group images-1\" style=\"width: 233px; height: 157px;\" data-original-width=\"233\" data-original-height=\"157\" > <div class=\"tiled-gallery-item tiled-gallery-item-small\" itemprop=\"associatedMedia\" itemscope itemtype=\"http:\/\/schema.org\/ImageObject\"> <a href=\"https:\/\/itayachtscanada.com\/fr\/listing\/riva-90-argo-2023-9950000-usd-for-sale\/capture-decran-le-2024-08-15-a-14-57-34\/\" border=\"0\" itemprop=\"url\"> <meta itemprop=\"width\" content=\"229\"> <meta itemprop=\"height\" content=\"153\"> <img decoding=\"async\" class=\"\" data-attachment-id=\"173585\" data-orig-file=\"https:\/\/itayachtscanada.com\/wp-content\/uploads\/2024\/08\/Capture-decran-le-2024-08-15-a-14.57.34.jpg\" data-orig-size=\"1770,1182\" data-comments-opened=\"1\" data-image-meta=\"{&quot;aperture&quot;:&quot;0&quot;,&quot;credit&quot;:&quot;&quot;,&quot;camera&quot;:&quot;&quot;,&quot;caption&quot;:&quot;&quot;,&quot;created_timestamp&quot;:&quot;0&quot;,&quot;copyright&quot;:&quot;&quot;,&quot;focal_length&quot;:&quot;0&quot;,&quot;iso&quot;:&quot;0&quot;,&quot;shutter_speed&quot;:&quot;0&quot;,&quot;title&quot;:&quot;&quot;,&quot;orientation&quot;:&quot;0&quot;}\" data-image-title=\"Capture d\u2019e\u0301cran, le 2024-08-15 a\u0300 14.57.34\" data-image-description=\"\" data-medium-file=\"https:\/\/i0.wp.com\/itayachtscanada.com\/wp-content\/uploads\/2024\/08\/Capture-decran-le-2024-08-15-a-14.57.34.jpg?fit=300%2C200&#038;ssl=1\" data-large-file=\"https:\/\/i0.wp.com\/itayachtscanada.com\/wp-content\/uploads\/2024\/08\/Capture-decran-le-2024-08-15-a-14.57.34.jpg?fit=700%2C468&#038;ssl=1\" src=\"https:\/\/i0.wp.com\/itayachtscanada.com\/wp-content\/uploads\/2024\/08\/Capture-decran-le-2024-08-15-a-14.57.34.jpg?w=229&#038;h=153&#038;ssl=1\" srcset=\"https:\/\/i0.wp.com\/itayachtscanada.com\/wp-content\/uploads\/2024\/08\/Capture-decran-le-2024-08-15-a-14.57.34.jpg?w=1770&amp;ssl=1 1770w, https:\/\/i0.wp.com\/itayachtscanada.com\/wp-content\/uploads\/2024\/08\/Capture-decran-le-2024-08-15-a-14.57.34.jpg?resize=300%2C200&amp;ssl=1 300w, https:\/\/i0.wp.com\/itayachtscanada.com\/wp-content\/uploads\/2024\/08\/Capture-decran-le-2024-08-15-a-14.57.34.jpg?resize=1024%2C684&amp;ssl=1 1024w, https:\/\/i0.wp.com\/itayachtscanada.com\/wp-content\/uploads\/2024\/08\/Capture-decran-le-2024-08-15-a-14.57.34.jpg?resize=768%2C513&amp;ssl=1 768w, https:\/\/i0.wp.com\/itayachtscanada.com\/wp-content\/uploads\/2024\/08\/Capture-decran-le-2024-08-15-a-14.57.34.jpg?resize=1536%2C1026&amp;ssl=1 1536w, https:\/\/i0.wp.com\/itayachtscanada.com\/wp-content\/uploads\/2024\/08\/Capture-decran-le-2024-08-15-a-14.57.34.jpg?resize=700%2C467&amp;ssl=1 700w, https:\/\/i0.wp.com\/itayachtscanada.com\/wp-content\/uploads\/2024\/08\/Capture-decran-le-2024-08-15-a-14.57.34.jpg?resize=900%2C600&amp;ssl=1 900w, https:\/\/i0.wp.com\/itayachtscanada.com\/wp-content\/uploads\/2024\/08\/Capture-decran-le-2024-08-15-a-14.57.34.jpg?resize=599%2C400&amp;ssl=1 599w, https:\/\/i0.wp.com\/itayachtscanada.com\/wp-content\/uploads\/2024\/08\/Capture-decran-le-2024-08-15-a-14.57.34.jpg?w=1400&amp;ssl=1 1400w\" width=\"229\" height=\"153\" loading=\"lazy\" data-original-width=\"229\" data-original-height=\"153\" itemprop=\"http:\/\/schema.org\/image\" title=\"Capture d\u2019e\u0301cran, le 2024-08-15 a\u0300 14.57.34\" alt=\"Capture d\u2019e\u0301cran, le 2024-08-15 a\u0300 14.57.34\" style=\"width: 229px; height: 153px;\" \/> <\/a> <\/div> <\/div> <!-- close group --> <\/div> <!-- close row --> <div class=\"gallery-row\" style=\"width: 700px; height: 235px;\" data-original-width=\"700\" data-original-height=\"235\" > <div class=\"gallery-group images-1\" style=\"width: 350px; height: 235px;\" data-original-width=\"350\" data-original-height=\"235\" > <div class=\"tiled-gallery-item tiled-gallery-item-large\" itemprop=\"associatedMedia\" itemscope itemtype=\"http:\/\/schema.org\/ImageObject\"> <a href=\"https:\/\/itayachtscanada.com\/fr\/listing\/riva-90-argo-2023-9950000-usd-for-sale\/capture-decran-le-2024-08-15-a-14-57-30\/\" border=\"0\" itemprop=\"url\"> <meta itemprop=\"width\" content=\"346\"> <meta itemprop=\"height\" content=\"231\"> <img decoding=\"async\" class=\"\" data-attachment-id=\"173586\" data-orig-file=\"https:\/\/itayachtscanada.com\/wp-content\/uploads\/2024\/08\/Capture-decran-le-2024-08-15-a-14.57.30.jpg\" data-orig-size=\"1770,1182\" data-comments-opened=\"1\" data-image-meta=\"{&quot;aperture&quot;:&quot;0&quot;,&quot;credit&quot;:&quot;&quot;,&quot;camera&quot;:&quot;&quot;,&quot;caption&quot;:&quot;&quot;,&quot;created_timestamp&quot;:&quot;0&quot;,&quot;copyright&quot;:&quot;&quot;,&quot;focal_length&quot;:&quot;0&quot;,&quot;iso&quot;:&quot;0&quot;,&quot;shutter_speed&quot;:&quot;0&quot;,&quot;title&quot;:&quot;&quot;,&quot;orientation&quot;:&quot;0&quot;}\" data-image-title=\"Capture d\u2019e\u0301cran, le 2024-08-15 a\u0300 14.57.30\" data-image-description=\"\" data-medium-file=\"https:\/\/i0.wp.com\/itayachtscanada.com\/wp-content\/uploads\/2024\/08\/Capture-decran-le-2024-08-15-a-14.57.30.jpg?fit=300%2C200&#038;ssl=1\" data-large-file=\"https:\/\/i0.wp.com\/itayachtscanada.com\/wp-content\/uploads\/2024\/08\/Capture-decran-le-2024-08-15-a-14.57.30.jpg?fit=700%2C468&#038;ssl=1\" src=\"https:\/\/i0.wp.com\/itayachtscanada.com\/wp-content\/uploads\/2024\/08\/Capture-decran-le-2024-08-15-a-14.57.30.jpg?w=346&#038;h=231&#038;ssl=1\" srcset=\"https:\/\/i0.wp.com\/itayachtscanada.com\/wp-content\/uploads\/2024\/08\/Capture-decran-le-2024-08-15-a-14.57.30.jpg?w=1770&amp;ssl=1 1770w, https:\/\/i0.wp.com\/itayachtscanada.com\/wp-content\/uploads\/2024\/08\/Capture-decran-le-2024-08-15-a-14.57.30.jpg?resize=300%2C200&amp;ssl=1 300w, https:\/\/i0.wp.com\/itayachtscanada.com\/wp-content\/uploads\/2024\/08\/Capture-decran-le-2024-08-15-a-14.57.30.jpg?resize=1024%2C684&amp;ssl=1 1024w, https:\/\/i0.wp.com\/itayachtscanada.com\/wp-content\/uploads\/2024\/08\/Capture-decran-le-2024-08-15-a-14.57.30.jpg?resize=768%2C513&amp;ssl=1 768w, https:\/\/i0.wp.com\/itayachtscanada.com\/wp-content\/uploads\/2024\/08\/Capture-decran-le-2024-08-15-a-14.57.30.jpg?resize=1536%2C1026&amp;ssl=1 1536w, https:\/\/i0.wp.com\/itayachtscanada.com\/wp-content\/uploads\/2024\/08\/Capture-decran-le-2024-08-15-a-14.57.30.jpg?resize=700%2C467&amp;ssl=1 700w, https:\/\/i0.wp.com\/itayachtscanada.com\/wp-content\/uploads\/2024\/08\/Capture-decran-le-2024-08-15-a-14.57.30.jpg?resize=900%2C600&amp;ssl=1 900w, https:\/\/i0.wp.com\/itayachtscanada.com\/wp-content\/uploads\/2024\/08\/Capture-decran-le-2024-08-15-a-14.57.30.jpg?resize=599%2C400&amp;ssl=1 599w, https:\/\/i0.wp.com\/itayachtscanada.com\/wp-content\/uploads\/2024\/08\/Capture-decran-le-2024-08-15-a-14.57.30.jpg?w=1400&amp;ssl=1 1400w\" width=\"346\" height=\"231\" loading=\"lazy\" data-original-width=\"346\" data-original-height=\"231\" itemprop=\"http:\/\/schema.org\/image\" title=\"Capture d\u2019e\u0301cran, le 2024-08-15 a\u0300 14.57.30\" alt=\"Capture d\u2019e\u0301cran, le 2024-08-15 a\u0300 14.57.30\" style=\"width: 346px; height: 231px;\" \/> <\/a> <\/div> <\/div> <!-- close group --> <div class=\"gallery-group images-1\" style=\"width: 350px; height: 235px;\" data-original-width=\"350\" data-original-height=\"235\" > <div class=\"tiled-gallery-item tiled-gallery-item-large\" itemprop=\"associatedMedia\" itemscope itemtype=\"http:\/\/schema.org\/ImageObject\"> <a href=\"https:\/\/itayachtscanada.com\/fr\/listing\/riva-90-argo-2023-9950000-usd-for-sale\/capture-decran-le-2024-08-15-a-14-57-27\/\" border=\"0\" itemprop=\"url\"> <meta itemprop=\"width\" content=\"346\"> <meta itemprop=\"height\" content=\"231\"> <img decoding=\"async\" class=\"\" data-attachment-id=\"173587\" data-orig-file=\"https:\/\/itayachtscanada.com\/wp-content\/uploads\/2024\/08\/Capture-decran-le-2024-08-15-a-14.57.27.jpg\" data-orig-size=\"1770,1182\" data-comments-opened=\"1\" data-image-meta=\"{&quot;aperture&quot;:&quot;0&quot;,&quot;credit&quot;:&quot;&quot;,&quot;camera&quot;:&quot;&quot;,&quot;caption&quot;:&quot;&quot;,&quot;created_timestamp&quot;:&quot;0&quot;,&quot;copyright&quot;:&quot;&quot;,&quot;focal_length&quot;:&quot;0&quot;,&quot;iso&quot;:&quot;0&quot;,&quot;shutter_speed&quot;:&quot;0&quot;,&quot;title&quot;:&quot;&quot;,&quot;orientation&quot;:&quot;0&quot;}\" data-image-title=\"Capture d\u2019e\u0301cran, le 2024-08-15 a\u0300 14.57.27\" data-image-description=\"\" data-medium-file=\"https:\/\/i0.wp.com\/itayachtscanada.com\/wp-content\/uploads\/2024\/08\/Capture-decran-le-2024-08-15-a-14.57.27.jpg?fit=300%2C200&#038;ssl=1\" data-large-file=\"https:\/\/i0.wp.com\/itayachtscanada.com\/wp-content\/uploads\/2024\/08\/Capture-decran-le-2024-08-15-a-14.57.27.jpg?fit=700%2C468&#038;ssl=1\" src=\"https:\/\/i0.wp.com\/itayachtscanada.com\/wp-content\/uploads\/2024\/08\/Capture-decran-le-2024-08-15-a-14.57.27.jpg?w=346&#038;h=231&#038;ssl=1\" srcset=\"https:\/\/i0.wp.com\/itayachtscanada.com\/wp-content\/uploads\/2024\/08\/Capture-decran-le-2024-08-15-a-14.57.27.jpg?w=1770&amp;ssl=1 1770w, https:\/\/i0.wp.com\/itayachtscanada.com\/wp-content\/uploads\/2024\/08\/Capture-decran-le-2024-08-15-a-14.57.27.jpg?resize=300%2C200&amp;ssl=1 300w, https:\/\/i0.wp.com\/itayachtscanada.com\/wp-content\/uploads\/2024\/08\/Capture-decran-le-2024-08-15-a-14.57.27.jpg?resize=1024%2C684&amp;ssl=1 1024w, https:\/\/i0.wp.com\/itayachtscanada.com\/wp-content\/uploads\/2024\/08\/Capture-decran-le-2024-08-15-a-14.57.27.jpg?resize=768%2C513&amp;ssl=1 768w, https:\/\/i0.wp.com\/itayachtscanada.com\/wp-content\/uploads\/2024\/08\/Capture-decran-le-2024-08-15-a-14.57.27.jpg?resize=1536%2C1026&amp;ssl=1 1536w, https:\/\/i0.wp.com\/itayachtscanada.com\/wp-content\/uploads\/2024\/08\/Capture-decran-le-2024-08-15-a-14.57.27.jpg?resize=700%2C467&amp;ssl=1 700w, https:\/\/i0.wp.com\/itayachtscanada.com\/wp-content\/uploads\/2024\/08\/Capture-decran-le-2024-08-15-a-14.57.27.jpg?resize=900%2C600&amp;ssl=1 900w, https:\/\/i0.wp.com\/itayachtscanada.com\/wp-content\/uploads\/2024\/08\/Capture-decran-le-2024-08-15-a-14.57.27.jpg?resize=599%2C400&amp;ssl=1 599w, https:\/\/i0.wp.com\/itayachtscanada.com\/wp-content\/uploads\/2024\/08\/Capture-decran-le-2024-08-15-a-14.57.27.jpg?w=1400&amp;ssl=1 1400w\" width=\"346\" height=\"231\" loading=\"lazy\" data-original-width=\"346\" data-original-height=\"231\" itemprop=\"http:\/\/schema.org\/image\" title=\"Capture d\u2019e\u0301cran, le 2024-08-15 a\u0300 14.57.27\" alt=\"Capture d\u2019e\u0301cran, le 2024-08-15 a\u0300 14.57.27\" style=\"width: 346px; height: 231px;\" \/> <\/a> <\/div> <\/div> <!-- close group --> <\/div> <!-- close row --> <div class=\"gallery-row\" style=\"width: 700px; height: 313px;\" data-original-width=\"700\" data-original-height=\"313\" > <div class=\"gallery-group images-2\" style=\"width: 233px; height: 313px;\" data-original-width=\"233\" data-original-height=\"313\" > <div class=\"tiled-gallery-item tiled-gallery-item-small\" itemprop=\"associatedMedia\" itemscope itemtype=\"http:\/\/schema.org\/ImageObject\"> <a href=\"https:\/\/itayachtscanada.com\/fr\/listing\/riva-90-argo-2023-9950000-usd-for-sale\/capture-decran-le-2024-08-15-a-14-57-23\/\" border=\"0\" itemprop=\"url\"> <meta itemprop=\"width\" content=\"229\"> <meta itemprop=\"height\" content=\"153\"> <img decoding=\"async\" class=\"\" data-attachment-id=\"173588\" data-orig-file=\"https:\/\/itayachtscanada.com\/wp-content\/uploads\/2024\/08\/Capture-decran-le-2024-08-15-a-14.57.23.jpg\" data-orig-size=\"1770,1182\" data-comments-opened=\"1\" data-image-meta=\"{&quot;aperture&quot;:&quot;0&quot;,&quot;credit&quot;:&quot;&quot;,&quot;camera&quot;:&quot;&quot;,&quot;caption&quot;:&quot;&quot;,&quot;created_timestamp&quot;:&quot;0&quot;,&quot;copyright&quot;:&quot;&quot;,&quot;focal_length&quot;:&quot;0&quot;,&quot;iso&quot;:&quot;0&quot;,&quot;shutter_speed&quot;:&quot;0&quot;,&quot;title&quot;:&quot;&quot;,&quot;orientation&quot;:&quot;0&quot;}\" data-image-title=\"Capture d\u2019e\u0301cran, le 2024-08-15 a\u0300 14.57.23\" data-image-description=\"\" data-medium-file=\"https:\/\/i0.wp.com\/itayachtscanada.com\/wp-content\/uploads\/2024\/08\/Capture-decran-le-2024-08-15-a-14.57.23.jpg?fit=300%2C200&#038;ssl=1\" data-large-file=\"https:\/\/i0.wp.com\/itayachtscanada.com\/wp-content\/uploads\/2024\/08\/Capture-decran-le-2024-08-15-a-14.57.23.jpg?fit=700%2C468&#038;ssl=1\" src=\"https:\/\/i0.wp.com\/itayachtscanada.com\/wp-content\/uploads\/2024\/08\/Capture-decran-le-2024-08-15-a-14.57.23.jpg?w=229&#038;h=153&#038;ssl=1\" srcset=\"https:\/\/i0.wp.com\/itayachtscanada.com\/wp-content\/uploads\/2024\/08\/Capture-decran-le-2024-08-15-a-14.57.23.jpg?w=1770&amp;ssl=1 1770w, https:\/\/i0.wp.com\/itayachtscanada.com\/wp-content\/uploads\/2024\/08\/Capture-decran-le-2024-08-15-a-14.57.23.jpg?resize=300%2C200&amp;ssl=1 300w, https:\/\/i0.wp.com\/itayachtscanada.com\/wp-content\/uploads\/2024\/08\/Capture-decran-le-2024-08-15-a-14.57.23.jpg?resize=1024%2C684&amp;ssl=1 1024w, https:\/\/i0.wp.com\/itayachtscanada.com\/wp-content\/uploads\/2024\/08\/Capture-decran-le-2024-08-15-a-14.57.23.jpg?resize=768%2C513&amp;ssl=1 768w, https:\/\/i0.wp.com\/itayachtscanada.com\/wp-content\/uploads\/2024\/08\/Capture-decran-le-2024-08-15-a-14.57.23.jpg?resize=1536%2C1026&amp;ssl=1 1536w, https:\/\/i0.wp.com\/itayachtscanada.com\/wp-content\/uploads\/2024\/08\/Capture-decran-le-2024-08-15-a-14.57.23.jpg?resize=700%2C467&amp;ssl=1 700w, https:\/\/i0.wp.com\/itayachtscanada.com\/wp-content\/uploads\/2024\/08\/Capture-decran-le-2024-08-15-a-14.57.23.jpg?resize=900%2C600&amp;ssl=1 900w, https:\/\/i0.wp.com\/itayachtscanada.com\/wp-content\/uploads\/2024\/08\/Capture-decran-le-2024-08-15-a-14.57.23.jpg?resize=599%2C400&amp;ssl=1 599w, https:\/\/i0.wp.com\/itayachtscanada.com\/wp-content\/uploads\/2024\/08\/Capture-decran-le-2024-08-15-a-14.57.23.jpg?w=1400&amp;ssl=1 1400w\" width=\"229\" height=\"153\" loading=\"lazy\" data-original-width=\"229\" data-original-height=\"153\" itemprop=\"http:\/\/schema.org\/image\" title=\"Capture d\u2019e\u0301cran, le 2024-08-15 a\u0300 14.57.23\" alt=\"Capture d\u2019e\u0301cran, le 2024-08-15 a\u0300 14.57.23\" style=\"width: 229px; height: 153px;\" \/> <\/a> <\/div> <div class=\"tiled-gallery-item tiled-gallery-item-small\" itemprop=\"associatedMedia\" itemscope itemtype=\"http:\/\/schema.org\/ImageObject\"> <a href=\"https:\/\/itayachtscanada.com\/fr\/listing\/riva-90-argo-2023-9950000-usd-for-sale\/capture-decran-le-2024-08-15-a-14-57-19\/\" border=\"0\" itemprop=\"url\"> <meta itemprop=\"width\" content=\"229\"> <meta itemprop=\"height\" content=\"152\"> <img decoding=\"async\" class=\"\" data-attachment-id=\"173589\" data-orig-file=\"https:\/\/itayachtscanada.com\/wp-content\/uploads\/2024\/08\/Capture-decran-le-2024-08-15-a-14.57.19.jpg\" data-orig-size=\"1770,1182\" data-comments-opened=\"1\" data-image-meta=\"{&quot;aperture&quot;:&quot;0&quot;,&quot;credit&quot;:&quot;&quot;,&quot;camera&quot;:&quot;&quot;,&quot;caption&quot;:&quot;&quot;,&quot;created_timestamp&quot;:&quot;0&quot;,&quot;copyright&quot;:&quot;&quot;,&quot;focal_length&quot;:&quot;0&quot;,&quot;iso&quot;:&quot;0&quot;,&quot;shutter_speed&quot;:&quot;0&quot;,&quot;title&quot;:&quot;&quot;,&quot;orientation&quot;:&quot;0&quot;}\" data-image-title=\"Capture d\u2019e\u0301cran, le 2024-08-15 a\u0300 14.57.19\" data-image-description=\"\" data-medium-file=\"https:\/\/i0.wp.com\/itayachtscanada.com\/wp-content\/uploads\/2024\/08\/Capture-decran-le-2024-08-15-a-14.57.19.jpg?fit=300%2C200&#038;ssl=1\" data-large-file=\"https:\/\/i0.wp.com\/itayachtscanada.com\/wp-content\/uploads\/2024\/08\/Capture-decran-le-2024-08-15-a-14.57.19.jpg?fit=700%2C468&#038;ssl=1\" src=\"https:\/\/i0.wp.com\/itayachtscanada.com\/wp-content\/uploads\/2024\/08\/Capture-decran-le-2024-08-15-a-14.57.19.jpg?w=229&#038;h=152&#038;ssl=1\" srcset=\"https:\/\/i0.wp.com\/itayachtscanada.com\/wp-content\/uploads\/2024\/08\/Capture-decran-le-2024-08-15-a-14.57.19.jpg?w=1770&amp;ssl=1 1770w, https:\/\/i0.wp.com\/itayachtscanada.com\/wp-content\/uploads\/2024\/08\/Capture-decran-le-2024-08-15-a-14.57.19.jpg?resize=300%2C200&amp;ssl=1 300w, https:\/\/i0.wp.com\/itayachtscanada.com\/wp-content\/uploads\/2024\/08\/Capture-decran-le-2024-08-15-a-14.57.19.jpg?resize=1024%2C684&amp;ssl=1 1024w, https:\/\/i0.wp.com\/itayachtscanada.com\/wp-content\/uploads\/2024\/08\/Capture-decran-le-2024-08-15-a-14.57.19.jpg?resize=768%2C513&amp;ssl=1 768w, https:\/\/i0.wp.com\/itayachtscanada.com\/wp-content\/uploads\/2024\/08\/Capture-decran-le-2024-08-15-a-14.57.19.jpg?resize=1536%2C1026&amp;ssl=1 1536w, https:\/\/i0.wp.com\/itayachtscanada.com\/wp-content\/uploads\/2024\/08\/Capture-decran-le-2024-08-15-a-14.57.19.jpg?resize=700%2C467&amp;ssl=1 700w, https:\/\/i0.wp.com\/itayachtscanada.com\/wp-content\/uploads\/2024\/08\/Capture-decran-le-2024-08-15-a-14.57.19.jpg?resize=900%2C600&amp;ssl=1 900w, https:\/\/i0.wp.com\/itayachtscanada.com\/wp-content\/uploads\/2024\/08\/Capture-decran-le-2024-08-15-a-14.57.19.jpg?resize=599%2C400&amp;ssl=1 599w, https:\/\/i0.wp.com\/itayachtscanada.com\/wp-content\/uploads\/2024\/08\/Capture-decran-le-2024-08-15-a-14.57.19.jpg?w=1400&amp;ssl=1 1400w\" width=\"229\" height=\"152\" loading=\"lazy\" data-original-width=\"229\" data-original-height=\"152\" itemprop=\"http:\/\/schema.org\/image\" title=\"Capture d\u2019e\u0301cran, le 2024-08-15 a\u0300 14.57.19\" alt=\"Capture d\u2019e\u0301cran, le 2024-08-15 a\u0300 14.57.19\" style=\"width: 229px; height: 152px;\" \/> <\/a> <\/div> <\/div> <!-- close group --> <div class=\"gallery-group images-1\" style=\"width: 467px; height: 313px;\" data-original-width=\"467\" data-original-height=\"313\" > <div class=\"tiled-gallery-item tiled-gallery-item-large\" itemprop=\"associatedMedia\" itemscope itemtype=\"http:\/\/schema.org\/ImageObject\"> <a href=\"https:\/\/itayachtscanada.com\/fr\/listing\/riva-90-argo-2023-9950000-usd-for-sale\/capture-decran-le-2024-08-15-a-14-57-10\/\" border=\"0\" itemprop=\"url\"> <meta itemprop=\"width\" content=\"463\"> <meta itemprop=\"height\" content=\"309\"> <img decoding=\"async\" class=\"\" data-attachment-id=\"173590\" data-orig-file=\"https:\/\/itayachtscanada.com\/wp-content\/uploads\/2024\/08\/Capture-decran-le-2024-08-15-a-14.57.10.jpg\" data-orig-size=\"1770,1182\" data-comments-opened=\"1\" data-image-meta=\"{&quot;aperture&quot;:&quot;0&quot;,&quot;credit&quot;:&quot;&quot;,&quot;camera&quot;:&quot;&quot;,&quot;caption&quot;:&quot;&quot;,&quot;created_timestamp&quot;:&quot;0&quot;,&quot;copyright&quot;:&quot;&quot;,&quot;focal_length&quot;:&quot;0&quot;,&quot;iso&quot;:&quot;0&quot;,&quot;shutter_speed&quot;:&quot;0&quot;,&quot;title&quot;:&quot;&quot;,&quot;orientation&quot;:&quot;0&quot;}\" data-image-title=\"Capture d\u2019e\u0301cran, le 2024-08-15 a\u0300 14.57.10\" data-image-description=\"\" data-medium-file=\"https:\/\/i0.wp.com\/itayachtscanada.com\/wp-content\/uploads\/2024\/08\/Capture-decran-le-2024-08-15-a-14.57.10.jpg?fit=300%2C200&#038;ssl=1\" data-large-file=\"https:\/\/i0.wp.com\/itayachtscanada.com\/wp-content\/uploads\/2024\/08\/Capture-decran-le-2024-08-15-a-14.57.10.jpg?fit=700%2C468&#038;ssl=1\" src=\"https:\/\/i0.wp.com\/itayachtscanada.com\/wp-content\/uploads\/2024\/08\/Capture-decran-le-2024-08-15-a-14.57.10.jpg?w=463&#038;h=309&#038;ssl=1\" srcset=\"https:\/\/i0.wp.com\/itayachtscanada.com\/wp-content\/uploads\/2024\/08\/Capture-decran-le-2024-08-15-a-14.57.10.jpg?w=1770&amp;ssl=1 1770w, https:\/\/i0.wp.com\/itayachtscanada.com\/wp-content\/uploads\/2024\/08\/Capture-decran-le-2024-08-15-a-14.57.10.jpg?resize=300%2C200&amp;ssl=1 300w, https:\/\/i0.wp.com\/itayachtscanada.com\/wp-content\/uploads\/2024\/08\/Capture-decran-le-2024-08-15-a-14.57.10.jpg?resize=1024%2C684&amp;ssl=1 1024w, https:\/\/i0.wp.com\/itayachtscanada.com\/wp-content\/uploads\/2024\/08\/Capture-decran-le-2024-08-15-a-14.57.10.jpg?resize=768%2C513&amp;ssl=1 768w, https:\/\/i0.wp.com\/itayachtscanada.com\/wp-content\/uploads\/2024\/08\/Capture-decran-le-2024-08-15-a-14.57.10.jpg?resize=1536%2C1026&amp;ssl=1 1536w, https:\/\/i0.wp.com\/itayachtscanada.com\/wp-content\/uploads\/2024\/08\/Capture-decran-le-2024-08-15-a-14.57.10.jpg?resize=700%2C467&amp;ssl=1 700w, https:\/\/i0.wp.com\/itayachtscanada.com\/wp-content\/uploads\/2024\/08\/Capture-decran-le-2024-08-15-a-14.57.10.jpg?resize=900%2C600&amp;ssl=1 900w, https:\/\/i0.wp.com\/itayachtscanada.com\/wp-content\/uploads\/2024\/08\/Capture-decran-le-2024-08-15-a-14.57.10.jpg?resize=599%2C400&amp;ssl=1 599w, https:\/\/i0.wp.com\/itayachtscanada.com\/wp-content\/uploads\/2024\/08\/Capture-decran-le-2024-08-15-a-14.57.10.jpg?w=1400&amp;ssl=1 1400w\" width=\"463\" height=\"309\" loading=\"lazy\" data-original-width=\"463\" data-original-height=\"309\" itemprop=\"http:\/\/schema.org\/image\" title=\"Capture d\u2019e\u0301cran, le 2024-08-15 a\u0300 14.57.10\" alt=\"Capture d\u2019e\u0301cran, le 2024-08-15 a\u0300 14.57.10\" style=\"width: 463px; height: 309px;\" \/> <\/a> <\/div> <\/div> <!-- close group --> <\/div> <!-- close row --> <div class=\"gallery-row\" style=\"width: 700px; height: 207px;\" data-original-width=\"700\" data-original-height=\"207\" > <div class=\"gallery-group images-1\" style=\"width: 504px; height: 207px;\" data-original-width=\"504\" data-original-height=\"207\" > <div class=\"tiled-gallery-item tiled-gallery-item-large\" itemprop=\"associatedMedia\" itemscope itemtype=\"http:\/\/schema.org\/ImageObject\"> <a href=\"https:\/\/itayachtscanada.com\/fr\/listing\/riva-90-argo-2023-9950000-usd-for-sale\/profil-riva-90-argo\/\" border=\"0\" itemprop=\"url\"> <meta itemprop=\"width\" content=\"500\"> <meta itemprop=\"height\" content=\"203\"> <img decoding=\"async\" class=\"\" data-attachment-id=\"173591\" data-orig-file=\"https:\/\/itayachtscanada.com\/wp-content\/uploads\/2024\/08\/Profil-Riva-90-Argo.jpg\" data-orig-size=\"1044,424\" data-comments-opened=\"1\" data-image-meta=\"{&quot;aperture&quot;:&quot;0&quot;,&quot;credit&quot;:&quot;&quot;,&quot;camera&quot;:&quot;&quot;,&quot;caption&quot;:&quot;&quot;,&quot;created_timestamp&quot;:&quot;0&quot;,&quot;copyright&quot;:&quot;&quot;,&quot;focal_length&quot;:&quot;0&quot;,&quot;iso&quot;:&quot;0&quot;,&quot;shutter_speed&quot;:&quot;0&quot;,&quot;title&quot;:&quot;&quot;,&quot;orientation&quot;:&quot;0&quot;}\" data-image-title=\"Profil Riva 90 Argo\" data-image-description=\"\" data-medium-file=\"https:\/\/i0.wp.com\/itayachtscanada.com\/wp-content\/uploads\/2024\/08\/Profil-Riva-90-Argo.jpg?fit=300%2C122&#038;ssl=1\" data-large-file=\"https:\/\/i0.wp.com\/itayachtscanada.com\/wp-content\/uploads\/2024\/08\/Profil-Riva-90-Argo.jpg?fit=700%2C284&#038;ssl=1\" src=\"https:\/\/i0.wp.com\/itayachtscanada.com\/wp-content\/uploads\/2024\/08\/Profil-Riva-90-Argo.jpg?w=500&#038;h=203&#038;ssl=1\" srcset=\"https:\/\/i0.wp.com\/itayachtscanada.com\/wp-content\/uploads\/2024\/08\/Profil-Riva-90-Argo.jpg?w=1044&amp;ssl=1 1044w, https:\/\/i0.wp.com\/itayachtscanada.com\/wp-content\/uploads\/2024\/08\/Profil-Riva-90-Argo.jpg?resize=300%2C122&amp;ssl=1 300w, https:\/\/i0.wp.com\/itayachtscanada.com\/wp-content\/uploads\/2024\/08\/Profil-Riva-90-Argo.jpg?resize=1024%2C416&amp;ssl=1 1024w, https:\/\/i0.wp.com\/itayachtscanada.com\/wp-content\/uploads\/2024\/08\/Profil-Riva-90-Argo.jpg?resize=768%2C312&amp;ssl=1 768w, https:\/\/i0.wp.com\/itayachtscanada.com\/wp-content\/uploads\/2024\/08\/Profil-Riva-90-Argo.jpg?resize=700%2C284&amp;ssl=1 700w, https:\/\/i0.wp.com\/itayachtscanada.com\/wp-content\/uploads\/2024\/08\/Profil-Riva-90-Argo.jpg?resize=985%2C400&amp;ssl=1 985w\" width=\"500\" height=\"203\" loading=\"lazy\" data-original-width=\"500\" data-original-height=\"203\" itemprop=\"http:\/\/schema.org\/image\" title=\"Profil Riva 90 Argo\" alt=\"Profil Riva 90 Argo\" style=\"width: 500px; height: 203px;\" \/> <\/a> <\/div> <\/div> <!-- close group --> <div class=\"gallery-group images-1\" style=\"width: 196px; height: 207px;\" data-original-width=\"196\" data-original-height=\"207\" > <div class=\"tiled-gallery-item tiled-gallery-item-small\" itemprop=\"associatedMedia\" itemscope itemtype=\"http:\/\/schema.org\/ImageObject\"> <a href=\"https:\/\/itayachtscanada.com\/fr\/listing\/riva-90-argo-2023-9950000-usd-for-sale\/layout-riva-90-argo\/\" border=\"0\" itemprop=\"url\"> <meta itemprop=\"width\" content=\"192\"> <meta itemprop=\"height\" content=\"203\"> <img decoding=\"async\" class=\"\" data-attachment-id=\"173592\" data-orig-file=\"https:\/\/itayachtscanada.com\/wp-content\/uploads\/2024\/08\/Layout-Riva-90-Argo.jpg\" data-orig-size=\"1044,1102\" data-comments-opened=\"1\" data-image-meta=\"{&quot;aperture&quot;:&quot;0&quot;,&quot;credit&quot;:&quot;&quot;,&quot;camera&quot;:&quot;&quot;,&quot;caption&quot;:&quot;&quot;,&quot;created_timestamp&quot;:&quot;0&quot;,&quot;copyright&quot;:&quot;&quot;,&quot;focal_length&quot;:&quot;0&quot;,&quot;iso&quot;:&quot;0&quot;,&quot;shutter_speed&quot;:&quot;0&quot;,&quot;title&quot;:&quot;&quot;,&quot;orientation&quot;:&quot;0&quot;}\" data-image-title=\"Layout Riva 90 Argo\" data-image-description=\"\" data-medium-file=\"https:\/\/i0.wp.com\/itayachtscanada.com\/wp-content\/uploads\/2024\/08\/Layout-Riva-90-Argo.jpg?fit=284%2C300&#038;ssl=1\" data-large-file=\"https:\/\/i0.wp.com\/itayachtscanada.com\/wp-content\/uploads\/2024\/08\/Layout-Riva-90-Argo.jpg?fit=700%2C739&#038;ssl=1\" src=\"https:\/\/i0.wp.com\/itayachtscanada.com\/wp-content\/uploads\/2024\/08\/Layout-Riva-90-Argo.jpg?w=192&#038;h=203&#038;ssl=1\" srcset=\"https:\/\/i0.wp.com\/itayachtscanada.com\/wp-content\/uploads\/2024\/08\/Layout-Riva-90-Argo.jpg?w=1044&amp;ssl=1 1044w, https:\/\/i0.wp.com\/itayachtscanada.com\/wp-content\/uploads\/2024\/08\/Layout-Riva-90-Argo.jpg?resize=284%2C300&amp;ssl=1 284w, https:\/\/i0.wp.com\/itayachtscanada.com\/wp-content\/uploads\/2024\/08\/Layout-Riva-90-Argo.jpg?resize=970%2C1024&amp;ssl=1 970w, https:\/\/i0.wp.com\/itayachtscanada.com\/wp-content\/uploads\/2024\/08\/Layout-Riva-90-Argo.jpg?resize=768%2C811&amp;ssl=1 768w, https:\/\/i0.wp.com\/itayachtscanada.com\/wp-content\/uploads\/2024\/08\/Layout-Riva-90-Argo.jpg?resize=700%2C739&amp;ssl=1 700w, https:\/\/i0.wp.com\/itayachtscanada.com\/wp-content\/uploads\/2024\/08\/Layout-Riva-90-Argo.jpg?resize=379%2C400&amp;ssl=1 379w\" width=\"192\" height=\"203\" loading=\"lazy\" data-original-width=\"192\" data-original-height=\"203\" itemprop=\"http:\/\/schema.org\/image\" title=\"Layout Riva 90 Argo\" alt=\"Layout Riva 90 Argo\" style=\"width: 192px; height: 203px;\" \/> <\/a> <\/div> <\/div> <!-- close group --> <\/div> <!-- close row --> <\/div>\n<p>&nbsp;<\/p>\n<p>&nbsp;<\/p>\n<p>&nbsp;<\/p>\n<div class=\"jetpack-video-wrapper\"><span class=\"embed-youtube\" style=\"text-align:center; display: block;\"><iframe loading=\"lazy\" class=\"youtube-player\" width=\"700\" height=\"394\" src=\"https:\/\/www.youtube.com\/embed\/aZ1o6qTLeqg?version=3&#038;rel=1&#038;showsearch=0&#038;showinfo=1&#038;iv_load_policy=1&#038;fs=1&#038;hl=fr-FR&#038;autohide=2&#038;start=8&#038;wmode=transparent\" allowfullscreen=\"true\" style=\"border:0;\" sandbox=\"allow-scripts allow-same-origin allow-popups allow-presentation allow-popups-to-escape-sandbox\"><\/iframe><\/span><\/div>\n<div class=\"jetpack-video-wrapper\"><span class=\"embed-youtube\" style=\"text-align:center; display: block;\"><iframe loading=\"lazy\" class=\"youtube-player\" width=\"700\" height=\"394\" src=\"https:\/\/www.youtube.com\/embed\/_WjbMmnkxIs?version=3&#038;rel=1&#038;showsearch=0&#038;showinfo=1&#038;iv_load_policy=1&#038;fs=1&#038;hl=fr-FR&#038;autohide=2&#038;start=6&#038;wmode=transparent\" allowfullscreen=\"true\" style=\"border:0;\" sandbox=\"allow-scripts allow-same-origin allow-popups allow-presentation allow-popups-to-escape-sandbox\"><\/iframe><\/span><\/div>\n<div class=\"jetpack-video-wrapper\"><span class=\"embed-youtube\" style=\"text-align:center; display: block;\"><iframe loading=\"lazy\" class=\"youtube-player\" width=\"700\" height=\"394\" src=\"https:\/\/www.youtube.com\/embed\/cuuaAeLnRi0?version=3&#038;rel=1&#038;showsearch=0&#038;showinfo=1&#038;iv_load_policy=1&#038;fs=1&#038;hl=fr-FR&#038;autohide=2&#038;wmode=transparent\" allowfullscreen=\"true\" style=\"border:0;\" sandbox=\"allow-scripts allow-same-origin allow-popups allow-presentation allow-popups-to-escape-sandbox\"><\/iframe><\/span><\/div>\n<p><strong>\u00a0<\/strong><\/p>\n<p>&nbsp;<\/p>\n<p><strong>Ita Yachts Canada propose de vous assister et de voir \u00e0 vos int\u00e9r\u00eats pour l\u2019achat de ce yacht qui est \u00e0 vendre par une autre organisation. Nous serons pr\u00e9sents lors de l\u2019inspection et tout au long de la transaction et ce peu importe sa localisation. L\u2019\u00e9quipe d\u2019Ita Yachts Canada se soumet au plus haut standard d\u2019\u00e9thique.<\/strong><\/p>\n<\/div>\n<\/div>\n<\/div>\n<\/div>\n<\/div>\n<\/div>\n<\/div>\n<\/div>\n<\/div>\n<\/div>\n<\/div>\n<div>\n<div class=\"content-header\"><\/div>\n<\/div>\n<div>\n<div class=\"html-content-description\">\n<p><strong>\u00a0<\/strong><\/p>\n<p>Extras:<\/p>\n<p>R\u00e9frig\u00e9rateur-Frigibar x2<br \/>\nSTP Station d&rsquo;\u00e9puration des eaux us\u00e9es<br \/>\nPurificateur d&rsquo;eau Spotzero<br \/>\nContr\u00f4leur de yacht<br \/>\nVerre Eissen -Flybridge<br \/>\nRadar x2<br \/>\nMachine \u00e0 gla\u00e7ons -Flybridge<br \/>\nFiltre \u00e9lectrique &#8211; AirCon<br \/>\nMain courante sur mesure (escalier des invit\u00e9s)<br \/>\nMain courante sur mesure (passarelle)<br \/>\n\u00c9chelle d&#8217;embarquement en fibre de carbone Marquipt<br \/>\nStarlink X2<br \/>\nSyst\u00e8me audio Fusion AirPlay2 sur l&rsquo;ensemble du bateau<br \/>\nOptions d&rsquo;usine<br \/>\nInsonorisation de la zone des ailerons<br \/>\nIsolation suppl\u00e9mentaire de la superstructure<br \/>\nPoste de pilotage suppl\u00e9mentaire (propulseur d&rsquo;\u00e9trave et de poupe install\u00e9)<br \/>\nGarde-corps et ouvertures lat\u00e9rales en fibre de verre (une par c\u00f4t\u00e9)<br \/>\nPorte de sortie lat\u00e9rale semi-automatique \u00e0 b\u00e2bord &#8211; diff\u00e9rente de la porte standard<br \/>\nPorte de sortie lat\u00e9rale semi-automatique sur le c\u00f4t\u00e9 droit &#8211; diff. de la version std &#8211;<br \/>\nCouleur personnalis\u00e9e pour la coque, le pont et l&rsquo;arri\u00e8re (Regal SIlver)<br \/>\nCouleur personnalis\u00e9e pour la superstructure (Regal Silver avec accents noirs)<br \/>\nStabilisateur gyroscopique<br \/>\nPropulseur de poupe 32 cv<br \/>\nLits jumeaux (coulissants) dans la cabine d&rsquo;invit\u00e9s \u00e0 b\u00e2bord &#8211; diff\u00e9rence par rapport \u00e0 la version standard<br \/>\nTaquets d&rsquo;amarrage suppl\u00e9mentaires (couple)<br \/>\nDimmer switch pour les lumi\u00e8res (internes et externes)<br \/>\nLumi\u00e8res d&rsquo;ambiance<br \/>\nCuisine : table de cuisson \u00e0 induction de 90cm + four + hotte aspirante<br \/>\nR\u00e9frig\u00e9rateur de cuisine diff\u00e9rent de l&rsquo;\u00e9quipement standard<br \/>\nBois int\u00e9rieur personnalis\u00e9 &#8211; diff\u00e9rent du standard &#8211; Palissandre brillant<br \/>\nLaques personnalis\u00e9es et rev\u00eatements en cuir des semelles<br \/>\nPlafonds laqu\u00e9s blancs Diff\u00e9rents de la norme<br \/>\nCuisine : Four \u00e0 micro-ondes suppl\u00e9mentaire<br \/>\nZones ext\u00e9rieures : Syst\u00e8me audio personnalis\u00e9<br \/>\nR\u00e9frig\u00e9rateur de cuisine diff\u00e9rent de l&rsquo;\u00e9quipement standard<br \/>\nDeux t\u00e9l\u00e9commandes avec interface iPad pour les lumi\u00e8res et les stores (Master et Salon)<br \/>\n\u00c9clairage sous-marin blanc \u00e0 l&rsquo;arri\u00e8re du bateau (2)<br \/>\n\u00c9clairage sous-marin blanc sur les c\u00f4t\u00e9s (5 de chaque c\u00f4t\u00e9)<\/p>\n<p>Simrad : am\u00e9lioration de l&rsquo;affichage de la barre principale<br \/>\n\u00c9cran de pilotage Simrad am\u00e9lior\u00e9 pour le flybridge<br \/>\nSalon : TV Samsung 50 \u00bb &#8211; diff\u00e9rent de l&rsquo;\u00e9quipement standard<br \/>\nCabine principale : TV Samsung 50 \u00bb &#8211; diff\u00e9rent de l&rsquo;\u00e9quipement standard<br \/>\nCabine STBD avant : TV Samsung 43 \u00bb avec syst\u00e8me audio et vid\u00e9o am\u00e9lior\u00e9<br \/>\nCabine avant b\u00e2bord : Samsung TV 43 \u00bb avec syst\u00e8me audio et vid\u00e9o am\u00e9lior\u00e9<br \/>\nCabine VIP : TV am\u00e9lior\u00e9e avec syst\u00e8me audio am\u00e9lior\u00e9<br \/>\nAccessoires US Premium<br \/>\nFrais d&rsquo;exportation<br \/>\nTable \u00e0 manger diff\u00e9rente de la table standard &#8211; (Acerbis JUDD L2500)<br \/>\nTable \u00e9lectrique \u00e0 la proue<br \/>\nEnrouleur de c\u00e2ble automatique et t\u00e9l\u00e9commande pour l&rsquo;alimentation \u00e0 quai<br \/>\nStation m\u00e9t\u00e9o (vent\/m\u00e9t\u00e9o)<br \/>\nMachine \u00e0 gla\u00e7ons pour le pont soleil<br \/>\nStores \u00e9lectriques occultants dans les cabines (\u00e9quipage non compris).<br \/>\nRideaux \u00e9lectriques sur le pont principal et dans les cabines (cuisine, \u00e9quipage, passerelle, salles de bains et zones techniques non incluses).<br \/>\nPorte de salon \u00e9lectrique<br \/>\nEnsemble AV Premum control Master et Salon<br \/>\nR\u00e9cepteur Sat USA dans la cabine avant b\u00e2bord<br \/>\nR\u00e9cepteur Sat USA dans la cabine avant tribord<br \/>\nR\u00e9cepteur SAT dans la cabine VIP<br \/>\nR\u00e9cepteur Sat USA dans le poste d&rsquo;\u00e9quipage<br \/>\nPrises USB pour les zones internes<br \/>\nTV 24 \u00bb A\/NTSC USA dans la d\u00eenette \u00e9quipage avec CD, DVD, MP3<br \/>\nAntenne TV SAT KVH tracvision UHD7 USA avec d\u00f4me pour sym\u00e9trie et d\u00e9codeur dans le salon et la cabine Master<br \/>\nTapisserie ext\u00e9rieure sur mesure<br \/>\nLit king size dans la cabine principale<br \/>\nDessalinisateur Seafari 1400gpd<br \/>\nParquet du salon<br \/>\nSalle \u00e0 manger Sol en marbre &#8211; Dekton Stonika Xgloss Olimpo*<br \/>\nMiele Teppan Yaki<br \/>\nPremium Internet 5G Single SIM<br \/>\nLumi\u00e8res personnalis\u00e9es<br \/>\nMarbre dans les salles de bains &#8211; Venato White<br \/>\nCabine de pilotage Rev\u00eatement de canap\u00e9<br \/>\nRev\u00eatement du canap\u00e9 de la cabine principale<\/p>\n<p>Syst\u00e8me de mise \u00e0 l&rsquo;eau pour annexe<br \/>\nSyst\u00e8me de mise \u00e0 l&rsquo;eau pour Jet Ski<br \/>\nChargeur automatique pour les batteries du groupe \u00e9lectrog\u00e8ne<br \/>\nChaises longues sur le fly (3)<br \/>\nCalfeutrage sur les ponts ext\u00e9rieurs (gris)<br \/>\nTabourets de bar fixes sur le fly (2)<br \/>\nTerrasse du flybridge &#8211; Tente arri\u00e8re avec m\u00e2ts en carbone<br \/>\nEnsemble de toiles<br \/>\nPlancher de la cuisine Diff\u00e9rent<br \/>\nCarpette &#8211; Eros Ghiaccio<br \/>\nVue d&rsquo;ensemble<\/p>\n<p>COQUE, PONT ET ROUF<\/p>\n<p>Escalier d&rsquo;acc\u00e8s au flybridge en fibre de verre et cadre p\u00e9rim\u00e9trique en acier inoxydable<br \/>\nAcc\u00e8s \u00e0 la plateforme de baignade par des marches en fibre de verre, plancher en teck et lumi\u00e8res de courtoisie<br \/>\nHousse du canap\u00e9 d&rsquo;\u00e9trave<br \/>\nCanap\u00e9 de proue avec coussins rembourr\u00e9s<br \/>\nPasserelle \u00e9lectro-hydraulique encastr\u00e9e en acier inoxydable avec chandeliers et plancher en teck<br \/>\n\u00c9chelle de bain \u00e9lectro-hydraulique en inox encastr\u00e9e dans la plateforme de bain<br \/>\nTreuils d&rsquo;ancre \u00e9lectriques 3000W (2) avec commandes au poste de barre, \u00e0 l&rsquo;avant et sur le flybridge<br \/>\nTreuils \u00e9lectriques pour le gauchissement de la poupe 1700W 24V (2)<br \/>\nTrappe \u00e9lectro-hydraulique en fibre de verre pour le garage arri\u00e8re<br \/>\nPlate-forme de natation en fibre de verre avec escalier lat\u00e9ral int\u00e9gr\u00e9 \u00e0 tribord, plancher en teck et syst\u00e8me de mont\u00e9e et descente de l&rsquo;eau<br \/>\nTuyau d&rsquo;incendie (2) \u00e0 l&rsquo;avant et \u00e0 l&rsquo;arri\u00e8re<br \/>\nPrise d&rsquo;eau douce \u00e0 l&rsquo;arri\u00e8re<br \/>\nSorties d&rsquo;eau douce (2) pour le lavage \u00e0 l&rsquo;avant et \u00e0 l&rsquo;arri\u00e8re<br \/>\nPrise d&rsquo;eau douce en laiton chrom\u00e9<br \/>\nPrise d&rsquo;eau carburant en laiton chrom\u00e9 sur le pont, une de chaque c\u00f4t\u00e9 (2)<br \/>\nCoque avec rev\u00eatement antisalissure<br \/>\nGarde-corps p\u00e9riph\u00e9rique<br \/>\nAncres en acier inoxydable poli 90Kg avec cha\u00eene en acier galvanis\u00e9, 120m 13mm de diam\u00e8tre (2)<br \/>\nDouche avec mitigeur d&rsquo;eau chaude et froide \u00e0 l&rsquo;arri\u00e8re<\/p>\n<p>Douche avec mitigeur d&rsquo;eau chaude et froide \u00e0 l&rsquo;arri\u00e8re<br \/>\nPortes lat\u00e9rales en PRV<br \/>\nCouvercles de prise d&rsquo;air en acier inoxydable (2)<br \/>\nTaquets en acier inoxydable : (4) \u00e0 l&rsquo;arri\u00e8re, (2) \u00e0 mi-bateau et (4) \u00e0 l&rsquo;avant<br \/>\nAccessoires de pont en acier inoxydable<br \/>\nChaumards en acier inoxydable \u00e0 l&rsquo;avant et \u00e0 l&rsquo;arri\u00e8re<br \/>\nMain courante en acier inoxydable sur les escaliers menant au cockpit (2)<br \/>\nCale-pieds en acier inoxydable, un pour chaque c\u00f4t\u00e9 (2)<br \/>\nCouvercle de la zone d&rsquo;amarrage arri\u00e8re en acier inoxydable (2)<br \/>\nPlancher du cockpit arri\u00e8re et des passerelles lat\u00e9rales recouvert de teck<br \/>\nGarage arri\u00e8re pour une annexe et un jet ski<br \/>\nHaut-parleurs \u00e9tanches (2) \u00e0 l&rsquo;avant, reli\u00e9s au syst\u00e8me audio du salon<\/p>\n<p>\u00c9COUTILLES ET FEN\u00caTRES<\/p>\n<p>Trappe d&rsquo;acc\u00e8s \u00e0 la baille \u00e0 cha\u00eene de l&rsquo;ancre<br \/>\nTrappe d&rsquo;acc\u00e8s au coffre du rouf de proue (2) avec \u00e9chelle en acier inoxydable<br \/>\nTrappe d&rsquo;acc\u00e8s au coffre de proue<br \/>\nPorte d&rsquo;acc\u00e8s \u00e0 la salle des machines depuis la passerelle tribord<br \/>\nTrappe d&rsquo;acc\u00e8s \u00e0 la salle des machines depuis le cockpit avec \u00e9chelle en acier inoxydable<br \/>\nPoste de pilotage, pare-soleil<br \/>\nPortes int\u00e9rieures en bois avec poign\u00e9es et seuils en acier inoxydable<br \/>\nFen\u00eatre lat\u00e9rale de la tr\u00e9mie \u00e0 b\u00e2bord dans le poste de pilotage<br \/>\nPorte manuelle \u00e0 b\u00e2bord sur le fly bridge pour l&rsquo;acc\u00e8s \u00e0 la proue<br \/>\nHublots en acier inoxydable<br \/>\nPorte lat\u00e9rale manuelle \u00e0 b\u00e2bord, de la cuisine \u00e0 la passerelle ext\u00e9rieure<br \/>\nPorte coulissante manuelle de l&rsquo;entr\u00e9e principale du salon, en acier inoxydable et verre monolithique tremp\u00e9<br \/>\nPorte coulissante en acier inoxydable et verre tremp\u00e9 pour acc\u00e9der au flybridge depuis la timonerie<br \/>\nPorte coulissante manuelle c\u00f4t\u00e9 tribord, du hall du pont principal \u00e0 la passerelle ext\u00e9rieure<\/p>\n<p>Fen\u00eatres en verre monolithique ou feuillet\u00e9<br \/>\nPare-brise du flybridge en plexiglas<br \/>\nEssuie-glaces avec laveurs int\u00e9gr\u00e9s et minuterie (3)<\/p>\n<p>COCKPIT<\/p>\n<p>Canap\u00e9 de cockpit avec syst\u00e8me coulissant \u00e9lectrique (2), \u00e9quip\u00e9 de coussins rembourr\u00e9s et de tiroirs<br \/>\nExtincteur pour le garage avec prise feu depuis le cockpit<br \/>\nPlancher en fibre de verre recouvert de teck<br \/>\nGarde-corps arri\u00e8re en verre et acier inoxydable<br \/>\nProjecteurs LED<br \/>\nCoussin rembourr\u00e9 amovible pour la table<br \/>\nPortes de poupe (2) en verre et acier inoxydable, avec syst\u00e8me de blocage manuel<br \/>\nHousse de canap\u00e9 de poupe (2)<br \/>\nHousse de table<br \/>\nTable avec syst\u00e8me de mont\u00e9e et descente<br \/>\nHaut-parleurs \u00e9tanches reli\u00e9s \u00e0 la cha\u00eene st\u00e9r\u00e9o du salon (2)<\/p>\n<p>FLYBRIDGE<\/p>\n<p>Projecteur orientable command\u00e9 depuis le poste de barre et la passerelle sup\u00e9rieure<br \/>\nPilote automatique avec indicateur d&rsquo;angle de barre interfac\u00e9 avec le traceur\/GPS<br \/>\nRadio t\u00e9l\u00e9phone VHF de classe D avec ASN et antenne s\u00e9par\u00e9e<br \/>\nTraceur\/GPS LCD couleur<br \/>\nCouvercle du poste de commande<br \/>\nCouvercle de l&rsquo;armoire du c\u00f4t\u00e9 du bar<br \/>\nCommandes \u00e9lectroniques du moteur et du convertisseur<br \/>\nSyst\u00e8me de direction \u00e9lectro-hydraulique E-Steer<br \/>\nPlancher en fibre de verre recouvert de teck<br \/>\nToit rigide en fibre de verre verni<br \/>\nExtincteur de feu<br \/>\nAntenne GPS (1)<br \/>\nCorne d&rsquo;abondance<br \/>\nCanap\u00e9 en L avec coussins rembourr\u00e9s<br \/>\nProjecteurs LED<br \/>\nSi\u00e8ge pilote et si\u00e8ge invit\u00e9<br \/>\nHousse de si\u00e8ge pilote et housses de si\u00e8ges invit\u00e9s<br \/>\nAntenne radar<br \/>\nFeux de position et d&rsquo;ancrage<br \/>\nDeuxi\u00e8me poste de commande en fibre de verre vernie avec syst\u00e8me de mont\u00e9e\/descente pour l&rsquo;affichage avant, volant rembourr\u00e9, instrumentation, compas et voyants d&rsquo;alarme<\/p>\n<p>Meuble lat\u00e9ral avec syst\u00e8me d&rsquo;ouverture \u00e9lectrique, \u00e9quip\u00e9 d&rsquo;un \u00e9vier, d&rsquo;un r\u00e9frig\u00e9rateur 24V, d&rsquo;un rangement et d&rsquo;un grill \u00e9lectrique<br \/>\nHousse de canap\u00e9<br \/>\nTable<br \/>\nAntenne TV terrestre<br \/>\nAntenne VHF (2)<br \/>\nHaut-parleurs \u00e9tanches reli\u00e9s \u00e0 la cha\u00eene st\u00e9r\u00e9o du salon (2)<\/p>\n<p>POSTE DE PILOTAGE<\/p>\n<p>Alarme sonore de pr\u00e9sence d&rsquo;eau en fond de cale<br \/>\nPilote automatique avec indicateur d&rsquo;angle de barre interfac\u00e9 avec traceur\/GPS<br \/>\nSyst\u00e8me int\u00e9gr\u00e9 Black Box (radar, traceur, GPS, \u00e9chosondeur, surveillance), avec \u00e9cran LCD\/LED 16 \u00bb (3) au poste de barre<br \/>\nRadio t\u00e9l\u00e9phone VHF de classe D avec ASN et antenne s\u00e9par\u00e9e<br \/>\nHorloge, barom\u00e8tre avec hygro-thermom\u00e8tre<br \/>\nFonction \u00e9chosondeur<br \/>\nPanneau de commande du propulseur d&rsquo;\u00e9trave \u00e9lectrique avec joystick<br \/>\nPrise \u00e9lectrique<br \/>\nCommandes \u00e9lectroniques du moteur et du convertisseur<br \/>\nSyst\u00e8me de direction \u00e9lectro-hydraulique E-Steer<br \/>\nExtincteur de feu<br \/>\nManuel num\u00e9rique interactif sur iPad<br \/>\nPlafond laqu\u00e9<br \/>\nSi\u00e8ge pilote recouvert de cuir avec commandes \u00e9lectriques<br \/>\nProjecteurs \u00e0 LED<br \/>\nT\u00e9l\u00e9phone principal<br \/>\nIndicateur d&rsquo;angle de barre<br \/>\nEscalier d&rsquo;acc\u00e8s au pont principal avec marches en bois avec d\u00e9tails en acier inoxydable et sol en moquette<br \/>\nPanneau de commande des stabilisateurs d&rsquo;assiette (intercepteurs)<br \/>\nPoste de pilotage verni avec volant recouvert de cuir, instrumentation compl\u00e8te du moteur, leviers \u00e9lectroniques de carburant et de marche arri\u00e8re, compas et alarmes<br \/>\nEscalier de timonerie accessible depuis le pont principal, avec des marches en bois et des d\u00e9tails en acier inoxydable, et un sol en moquette<br \/>\nCommande de lave-glace et d&rsquo;essuie-glace<br \/>\nCloisons en bois avec semelle en cuir, inserts en acier inoxydable et en tissu, et mobilier en bois<\/p>\n<p>LOUNGE<\/p>\n<p>Fauteuil<br \/>\nTapis de sol avec rembourrage en dessous<br \/>\nTable basse<br \/>\nCoussins 40 x 40 cm (6)<br \/>\nPrise \u00e9lectrique<br \/>\nCha\u00eene hi-fi<br \/>\nPlafond laqu\u00e9<br \/>\nMeuble TV laqu\u00e9 avec cadre inox et miroirs<br \/>\nSpots et panneau LED<br \/>\nTV LED 43<br \/>\nRideau manuel en tissu pour la porte d&rsquo;entr\u00e9e principale<br \/>\nRideaux lat\u00e9raux manuels en tissu<br \/>\nMeuble de rangement \u00e0 tribord<br \/>\nT\u00e9l\u00e9phone<br \/>\nCloisons en bois<\/p>\n<p>SALLE \u00c0 MANGER<\/p>\n<p>Table de 10 places<br \/>\nPlancher en moquette avec rembourrage en dessous<br \/>\nChaises (10)<br \/>\nPrise \u00e9lectrique<br \/>\nExtincteur<br \/>\nPlafond laqu\u00e9<br \/>\nMeuble de rangement laqu\u00e9 \u00e0 l&rsquo;avant avec panneaux de rev\u00eatement en cuir de la semelle<br \/>\nProjecteurs LED et panneau LED<br \/>\nRideaux lat\u00e9raux manuels en tissu<br \/>\nBo\u00eetiers en plexiglas pour les couverts et la poterie<br \/>\nCloisons en bois<\/p>\n<p>ZONE PROPRI\u00c9TAIRE, ESCALIER DE LA TIMONERIE ET HALL D&rsquo;ENTR\u00c9E DE L&rsquo;ESCALIER DU PONT INF\u00c9RIEUR<\/p>\n<p>Plancher recouvert de moquette avec rembourrage en dessous<br \/>\nPorte \u00e0 charni\u00e8res pour l&rsquo;essentiel de la salle \u00e0 manger<br \/>\nPlafond laqu\u00e9<br \/>\nSpots LED<br \/>\nPorte d&rsquo;acc\u00e8s coulissante \u00e0 la passerelle tribord<br \/>\nEscalier de timonerie accessible depuis le pont principal avec des marches en bois avec des d\u00e9tails en acier inoxydable et un sol en moquette<br \/>\nCloisons en bois<br \/>\nEscalier d&rsquo;acc\u00e8s en bois (pont inf\u00e9rieur)<\/p>\n<p>CABINE PRINCIPALE<\/p>\n<p>Cadre de lit avec rev\u00eatement en cuir de sole et d\u00e9tails en acier inoxydable poli<br \/>\nPlancher en moquette avec rembourrage en dessous<br \/>\nLit double avec matelas et lit de rangement avec syst\u00e8me de levage du lit<br \/>\nTiroirs sous le lit<br \/>\nPrise \u00e9lectrique<br \/>\nExtincteur<br \/>\nCha\u00eene hi-fi<br \/>\nPlafond laqu\u00e9<\/p>\n<p>Table de nuit laqu\u00e9e (2) avec porte en cuir de sole et plateau en verre<br \/>\nMeuble de rangement laqu\u00e9 \u00e0 l&rsquo;avant tribord avec portes et tiroirs recouverts de cuir<br \/>\nSpots LED et panneau LED<br \/>\nTV LED 43<br \/>\nMiroir dans la penderie<br \/>\nHublot avec rideau et rideau occultant<br \/>\nLiseuses (2)<br \/>\nCoffre-fort<br \/>\nT\u00eate de lit en cuir<br \/>\nT\u00e9l\u00e9phone<br \/>\nMeuble-lavabo avec dessus laqu\u00e9 et coffret \u00e0 bijoux en cuir \u00e0 l&rsquo;int\u00e9rieur, meuble de rangement avec porte recouverte de cuir<br \/>\nCloisons en bois avec espace miroir<br \/>\nMeubles de rangement en bois \u00e0 b\u00e2bord<br \/>\nMeuble de rangement en bois \u00e0 tribord (cabine d&rsquo;entr\u00e9e)<br \/>\nCanap\u00e9 en cuir structurel en bois avec tiroirs \u00e0 tribord<br \/>\nPenderie en bois avec penderie et lumi\u00e8re de courtoisie<\/p>\n<p>SALLE DE BAIN PRINCIPALE<\/p>\n<p>Accessoires de salle de bain : porte-brosse, distributeur de savon, porte-verre, porte-peignoir (2)<br \/>\nIndicateur de niveau du r\u00e9servoir d&rsquo;eaux noires int\u00e9gr\u00e9 au panneau de commande des toilettes<br \/>\nVentilateur \u00e9lectrique<br \/>\nPrise \u00e9lectrique<br \/>\nToilettes \u00e9lectriques et bidet en c\u00e9ramique<br \/>\nCloisons laqu\u00e9es<br \/>\nPlafond laqu\u00e9<br \/>\nSpots LED et panneau LED<br \/>\nMiroir<br \/>\nHublot avec rideau<br \/>\nCabine de douche en corian et parois laqu\u00e9es avec porte en verre et cadre en acier inoxydable<br \/>\nPetit meuble avec porte laqu\u00e9e brillante (c\u00f4t\u00e9 douche)<br \/>\nPetit meuble avec porte miroir (c\u00f4t\u00e9 b\u00e2bord)<br \/>\nMeuble en bois sous le lavabo avec espace ouvert et porte<\/p>\n<p>GALERIE ou CUISINE<\/p>\n<p>\u00ab R\u00e9frig\u00e9rateur\/cong\u00e9lateur \u00ab c\u00f4te \u00e0 c\u00f4te<br \/>\nPorte d&rsquo;acc\u00e8s \u00e0 la passerelle b\u00e2bord<br \/>\nAcc\u00e8s \u00e0 l&rsquo;espace \u00e9quipage par un escalier avec marches en moquette et bordures en bois<br \/>\nFour combin\u00e9<br \/>\nPlancher en corian<\/p>\n<p>\u00c9vier en corian avec robinetterie<br \/>\nPlan de travail en corian<br \/>\nLave-vaisselle<br \/>\nPrise \u00e9lectrique<br \/>\nHotte aspirante avec \u00e9vacuation directe vers l&rsquo;ext\u00e9rieur<br \/>\nExtincteur<br \/>\nPlafond laqu\u00e9 brillant<br \/>\nMeubles et \u00e9l\u00e9ments muraux laqu\u00e9s brillants<br \/>\nPorte battante en essence de la salle \u00e0 manger<br \/>\nTable de cuisson \u00e0 induction (4 feux) avec support de casseroles<br \/>\nCloisons laqu\u00e9es<br \/>\nSpots et bandes LED<br \/>\nHublot avec rideau manuel<br \/>\nPorte coulissante entre la cuisine et l&rsquo;escalier de l&rsquo;\u00e9quipage<\/p>\n<p>PONT INF\u00c9RIEUR CABINE ARRI\u00c8RE TRIBORD<\/p>\n<p>Acc\u00e8s depuis le pont principal par un escalier avec moquette et bordure en acier inoxydable poli ; main courante en acier inoxydable<br \/>\nLits jumeaux<br \/>\nPlancher recouvert de moquette avec rembourrage en dessous<br \/>\nPrise \u00e9lectrique<br \/>\nPlafond laqu\u00e9 brillant<br \/>\nSpots LED<br \/>\nRangement en bois avec porte miroir<br \/>\nCloisons en bois avec miroir<\/p>\n<p>TOILETTE (C\u00d4T\u00c9 TRIBORD)<\/p>\n<p>Accessoires de salle de bains : porte-serviettes, porte-balai, porte-savon<br \/>\nIndicateur de niveau du r\u00e9servoir d&rsquo;eaux noires int\u00e9gr\u00e9 au panneau de commande des toilettes<br \/>\nSol en corian<br \/>\n\u00c9vier en corian avec robinetterie<br \/>\nToilettes \u00e9lectriques en c\u00e9ramique<br \/>\nPlafond laqu\u00e9<br \/>\nSpots LED et panneau LED<br \/>\nMiroir<br \/>\nMeuble en bois sous le lavabo<\/p>\n<p>PONT INF\u00c9RIEUR CABINE ARRI\u00c8RE B\u00c2BORD<\/p>\n<p>Cadre de lit avec rev\u00eatement en cuir et d\u00e9tails polis en acier inoxydable<br \/>\nPlancher recouvert de moquette avec rembourrage en dessous<br \/>\nLits jumeaux coulissants, avec matelas et lit de rangement avec syst\u00e8me de levage du lit<br \/>\nTiroirs sous le lit<br \/>\nPrise \u00e9lectrique<br \/>\nExtincteur<br \/>\nPlafond laqu\u00e9<\/p>\n<p>Table de nuit laqu\u00e9e (2) avec porte en cuir de semelle et plateau en verre<br \/>\nMeuble TV laqu\u00e9 avec cadre inox et miroirs<br \/>\nSpots LED et panneau LED<br \/>\nT\u00c9L\u00c9VISEUR LED 32<br \/>\nMini Hi-fi CD\/DVD et BLUETOOTH<br \/>\nHublot avec rideau et rideau occultant<br \/>\nLiseuses (2)<br \/>\nT\u00eate de lit en cuir<br \/>\nT\u00e9l\u00e9phone<br \/>\nMeuble de toilette avec dessus laqu\u00e9 et \u00e9tui \u00e0 bijoux en cuir \u00e0 l&rsquo;int\u00e9rieur, meuble de rangement avec porte recouverte de cuir<br \/>\nCloisons en bois avec insertions de miroirs et meubles en bois<br \/>\nPenderie en bois avec penderie et lumi\u00e8re de courtoisie<\/p>\n<p>SALLE DE BAIN DE LA CABINE ARRI\u00c8RE B\u00c2BORD DU PONT INF\u00c9RIEUR<\/p>\n<p>Indicateur de niveau du r\u00e9servoir d&rsquo;eaux noires int\u00e9gr\u00e9 au panneau de commande des toilettes<br \/>\nSol en corian<br \/>\n\u00c9vier en corian avec robinetterie<br \/>\nToilettes et bidet \u00e9lectriques en c\u00e9ramique, ventilateur d&rsquo;extraction \u00e9lectrique<br \/>\nPrise \u00e9lectrique<br \/>\nPetit meuble laqu\u00e9 brillant<br \/>\nCloisons laqu\u00e9es<br \/>\nPlafond laqu\u00e9<br \/>\nSpots LED et panneau LED<br \/>\nMiroir<br \/>\nHublot avec rideau<br \/>\nDouche avec parois et plafond laqu\u00e9s, porte en verre et cadre en acier inoxydable<br \/>\nMeuble en bois sous le lavabo<\/p>\n<p>CABINE INVIT\u00c9S (B\u00c2BORD AVANT)<\/p>\n<p>Cadre de lit avec rev\u00eatement en cuir et d\u00e9tails polis en acier inoxydable<br \/>\nPlancher recouvert de moquette avec rembourrage en dessous<br \/>\nLit double avec matelas<br \/>\nTiroirs sous le lit<br \/>\nPrise \u00e9lectrique<br \/>\nExtincteur<br \/>\nPlafond laqu\u00e9<br \/>\nTable de nuit laqu\u00e9e (2) avec porte en cuir de semelle et plateau en verre<br \/>\nSpots LED et panneau LED<br \/>\nMini Hi-fi CD\/DVD et BLUET OOTH<br \/>\nMiroir dans la penderie<br \/>\nHublot avec rideau et rideau occultant<br \/>\nLiseuses (2)<br \/>\nT\u00e9l\u00e9phone<\/p>\n<p>Armoire avec lumi\u00e8re de courtoisie (2)<br \/>\nCloisons en bois avec inserts de miroirs et meubles en bois<\/p>\n<p>SALLE DE BAIN DE LA CABINE INVIT\u00c9S (B\u00c2BORD AVANT)<\/p>\n<p>Indicateur de niveau du r\u00e9servoir d&rsquo;eaux noires int\u00e9gr\u00e9 au panneau de commande des toilettes<br \/>\nSol en corian<br \/>\nLavabo en corian avec robinetterie<br \/>\nToilettes \u00e9lectriques en c\u00e9ramique et bidet<br \/>\nVentilateur \u00e9lectrique<br \/>\nPrise \u00e9lectrique<br \/>\nCloisons laqu\u00e9es<br \/>\nPlafond laqu\u00e9<br \/>\nSpots LED et panneau LED<br \/>\nMiroir<br \/>\nHublot avec rideau<br \/>\nJeu de serviettes (2)<br \/>\nDouche avec parois et plafond laqu\u00e9s, porte en verre et cadre en acier inoxydable<br \/>\nMeuble en bois sous le lavabo<\/p>\n<p>CABINE INVIT\u00c9S (TRIBORD AVANT)<\/p>\n<p>Cadre de lit avec rev\u00eatement en cuir et d\u00e9tails polis en acier inoxydable<br \/>\nPlancher en moquette avec rembourrage en dessous<br \/>\nLit double avec matelas et syst\u00e8me de levage du lit<br \/>\nTiroir sous le lit<br \/>\nPrise \u00e9lectrique<br \/>\nSortie de secours au plafond<br \/>\nExtincteur<br \/>\nPlafond laqu\u00e9 brillant et panneau de rev\u00eatement en cuir de la semelle<br \/>\nTable de nuit laqu\u00e9e brillante avec tiroir et d\u00e9tails en acier inoxydable poli<br \/>\nSpots LED et panneau LED<br \/>\nMini Hi-fi CD\/DVD et BLUETOOTH<br \/>\nMiroir dans la penderie<br \/>\nHublot avec rideau et rideau occultant<br \/>\nLiseuses (2)<br \/>\nT\u00eate de lit en cuir avec d\u00e9tails polis en acier inoxydable<br \/>\nT\u00e9l\u00e9phone<br \/>\nPenderie avec lumi\u00e8re de courtoisie<br \/>\nCloisons en bois avec semelle en cuir et inserts laqu\u00e9s brillants et meubles en bois<\/p>\n<p>SALLE DE BAIN DE LA CABINE INVIT\u00c9S (TRIBORD AVANT)<\/p>\n<p>Indicateur de niveau du r\u00e9servoir d&rsquo;eaux noires int\u00e9gr\u00e9 au panneau de commande des toilettes<br \/>\nMeuble sous lavabo en corian et laqu\u00e9 brillant<\/p>\n<p>Sol en corian<br \/>\n\u00c9vier en corian avec robinetterie<br \/>\nLavabo en corian<br \/>\nToilettes \u00e9lectriques en c\u00e9ramique et bidet<br \/>\nVentilateur \u00e9lectrique<br \/>\nPrise \u00e9lectrique<br \/>\nCloisons laqu\u00e9es brillantes<br \/>\nPlafond laqu\u00e9 brillant<br \/>\nPetit meuble laqu\u00e9 brillant<br \/>\nSpots et bandes LED<br \/>\nMiroir<br \/>\nHublot avec rideau<br \/>\nDouche avec parois laqu\u00e9es, porte en verre et cadre en acier inoxydable<\/p>\n<p>CABINE DE L&rsquo;\u00c9QUIPAGE (C\u00d4T\u00c9 B\u00c2BORD)<\/p>\n<p>Garnissage du cadre de lit<br \/>\nLit superpos\u00e9 avec matelas<br \/>\nPlancher en moquette<br \/>\nPlafond recouvert de tissu<br \/>\nPrise \u00e9lectrique<br \/>\nSortie de secours au plafond dans la salle de bain c\u00f4t\u00e9 b\u00e2bord<br \/>\nExtincteur de feu<br \/>\nSpots LED<br \/>\nMini cha\u00eene hi-fi et BLUETOOTH<br \/>\nHublot avec rideau<br \/>\nLiseuse (2)<br \/>\nPenderie<br \/>\nCloisons et meubles en bois<\/p>\n<p>SALLE DE BAIN DE L&rsquo;\u00c9QUIPAGE (C\u00d4T\u00c9 B\u00c2BORD)<\/p>\n<p>Indicateur de niveau du r\u00e9servoir d&rsquo;eaux noires int\u00e9gr\u00e9 au panneau de commande des toilettes<br \/>\n\u00c9vier en corian avec robinetterie<br \/>\nWC\/bidet \u00e9lectrique en c\u00e9ramique<br \/>\nVentilateur \u00e9lectrique<br \/>\nPrise \u00e9lectrique<br \/>\nSol avec caillebotis en teck<br \/>\nPlafond laqu\u00e9<br \/>\nCloisons en stratifi\u00e9<br \/>\nSpots LED<br \/>\nMiroir<br \/>\nDouche avec rideau \u00e9tanche<br \/>\nMeuble en bois sous le lavabo<\/p>\n<p>CABINE DE L&rsquo;\u00c9QUIPAGE (C\u00d4T\u00c9 TRIBORD)<\/p>\n<p>Cadre de lit rembourr\u00e9<br \/>\nLit superpos\u00e9 avec matelas<br \/>\nMoquette<br \/>\nPlafond recouvert de tissu<br \/>\nPrise \u00e9lectrique<br \/>\nExtincteur de feu<br \/>\nProjecteurs LED<br \/>\nMini Hi-Fi &amp; BLUETOOTH<br \/>\nMiroir<br \/>\nHublot avec rideau<br \/>\nLiseuse (2)<br \/>\nPenderie<br \/>\nCloisons et meubles en bois<\/p>\n<p>SALLE DE BAIN DE L&rsquo;\u00c9QUIPAGE (C\u00d4T\u00c9 TRIBORD)<\/p>\n<p>Indicateur de niveau du r\u00e9servoir d&rsquo;eaux noires int\u00e9gr\u00e9 au panneau de commande des toilettes<br \/>\n\u00c9vier en corian avec robinetterie<br \/>\nLavabo en corian<br \/>\nWC\/bidet \u00e9lectrique en c\u00e9ramique<\/p>\n<p>Ventilateur \u00e9lectrique<br \/>\nPrise \u00e9lectrique<br \/>\nPlancher avec caillebotis en teck<br \/>\nPlafond laqu\u00e9<br \/>\nCloisons en stratifi\u00e9<br \/>\nSpots LED<br \/>\nMiroir<br \/>\nDouche avec rideau \u00e9tanche<\/p>\n<p>COIN REPAS\/UTILITAIRE DE L&rsquo;\u00c9QUIPAGE<\/p>\n<p>\u00ab Canap\u00e9 en \u00ab L<br \/>\nMeuble avec plaque de cuisson, r\u00e9frig\u00e9rateur et \u00e9vier<br \/>\nRev\u00eatement de sol en moquette<br \/>\nPlafond recouvert de tissu<br \/>\nS\u00e8che-linge<br \/>\nVentilateur \u00e9lectrique<br \/>\nSpot LED<br \/>\nFour \u00e0 micro-ondes<br \/>\nMachine \u00e0 laver<br \/>\nCloisons en bois<\/p>\n<p>SALLE DES MACHINES<\/p>\n<p>Acc\u00e8s \u00e0 la passerelle lat\u00e9rale \u00e0 tribord<br \/>\nPrises d&rsquo;air (2) avec s\u00e9parateurs de brouillard<br \/>\nG\u00e9n\u00e9rateur \u00e9lectrique auxiliaire (29kW 120\/240V 60Hz)<br \/>\nVannes d&rsquo;inversion (2) pour le pompage d&rsquo;urgence de l&rsquo;eau de cale<br \/>\nCam\u00e9ra couleur (2) CCTV<br \/>\nPorte entre la salle des machines et la salle de contr\u00f4le des machines<br \/>\nPorte entre l&rsquo;escalier du pont principal et la salle de contr\u00f4le des moteurs<br \/>\nFiltres \u00e0 carburant Racor doubles (2) pour les moteurs<br \/>\nPompe de cale \u00e9lectrique<br \/>\nVentilateurs \u00e9lectriques (2)<br \/>\nEscalier en fibre de verre pour l&rsquo;acc\u00e8s \u00e0 la salle des machines<br \/>\nExtincteur<br \/>\nIndicateur de niveau de carburant<br \/>\nR\u00e9servoir de carburant en fibre de verre (87001t)<br \/>\nEclairage LED<br \/>\nPlancher antid\u00e9rapant en alliage l\u00e9ger<br \/>\nG\u00e9n\u00e9rateur \u00e9lectrique principal (29kW 120\/240V 60Hz)<br \/>\nPanneau \u00e9lectrique principal<br \/>\nLampe portable<br \/>\nCloison avant insonoris\u00e9e et \u00e9tanche<br \/>\nFiltres \u00e0 eau (2) pour le syst\u00e8me de refroidissement du moteur<br \/>\nFiltres \u00e0 eau (2) pour le syst\u00e8me de refroidissement du g\u00e9n\u00e9rateur<\/p>\n<p>GARAGE<\/p>\n<p>Treuil \u00e9lectrique pour le levage et la mise \u00e0 l&rsquo;eau de l&rsquo;annexe<br \/>\nTrappe \u00e9lectro-hydraulique<br \/>\nPlancher en PRV avec surface antid\u00e9rapante<\/p>\n<p>PROPULSION ET CONTR\u00d4LE<\/p>\n<p>Direction assist\u00e9e \u00e9lectro-hydraulique<br \/>\nPropulseur d&rsquo;\u00e9trave hydraulique (50 ch)<br \/>\nPresse-\u00e9toupe avec joint d&rsquo;arbre sans \u00e9gouttement, n\u00e9cessitant peu d&rsquo;entretien<br \/>\n\u00c9chappements silencieux sous l&rsquo;eau<br \/>\nTransmission V-Drive<\/p>\n<p>SYST\u00c8MES DE STABILISATION<\/p>\n<p>Ailerons stabilisateurs en route et \u00e0 vitesse nulle (2)<br \/>\nStabilisateurs d&rsquo;assiette (intercepteurs)<\/p>\n<p>SYST\u00c8ME D&rsquo;EXTINCTION D&rsquo;INCENDIE<\/p>\n<p>Poign\u00e9es d&rsquo;urgence pour les moteurs et les g\u00e9n\u00e9rateurs en cas de panne de diesel (automatique avec le syst\u00e8me de protection contre l&rsquo;incendie)<br \/>\nSyst\u00e8me d&rsquo;extinction FM200 dans la salle des machines avec arr\u00eat automatique des moteurs et commande de s\u00e9curit\u00e9<br \/>\nSyst\u00e8me d&rsquo;alarme par d\u00e9tection de fum\u00e9e<\/p>\n<p>SYST\u00c8ME DE CLIMATISATION<\/p>\n<p>Syst\u00e8me de climatisation supertropical<\/p>\n<p>SYST\u00c8ME \u00c9LECTRIQUE<\/p>\n<p>Chargeur de batterie automatique (2) pour les batteries de service auxiliaires 24V<br \/>\nChargeur de batterie automatique pour les batteries du moteur 24V<br \/>\nBatterie de d\u00e9marrage du g\u00e9n\u00e9rateur auxiliaire 12V faible perte d&rsquo;eau<br \/>\nBo\u00eete \u00e0 disjoncteurs<br \/>\nInterrupteur Carling 100A pour alimentation quai 240V (2)<br \/>\nProtection cathodique avec anodes<br \/>\nPrise \u00e9lectrique 120V<br \/>\nPrise de terre pour prise d&rsquo;eau de mer et garde-corps<br \/>\nInterrupteurs de d\u00e9faut de terre 120V 6mA<br \/>\nGroupe de batteries de service auxiliaire 24V<br \/>\nGroupe de batteries pour le d\u00e9marrage du moteur 24V faible perte d&rsquo;eau<br \/>\nOnduleur 60Hz 120V 25kW pour le r\u00e9frig\u00e9rateur<br \/>\nOnduleur 60Hz 120V 3kW pour les services<br \/>\nTransformateur d&rsquo;isolation 25kVA (2)<br \/>\nEclairage dans tout le bateau 24V<br \/>\nBatterie du g\u00e9n\u00e9rateur principal 12V \u00e0 faible perte d&rsquo;eau<br \/>\nInterrupteurs manuels et \u00e9lectriques de d\u00e9connexion des batteries de service et des batteries moteur<br \/>\nInterrupteurs manuels de d\u00e9connexion des batteries (2) pour les g\u00e9n\u00e9rateurs<br \/>\nCoupe-batterie parall\u00e8le \u00e9lectrique m\u00e9canique (cockpit) et instantan\u00e9 (poste de barre principal)<br \/>\nConnexion \u00e0 l&rsquo;alimentation de quai 400V avec c\u00e2ble<br \/>\nInterrupteur de d\u00e9faut de terre de l&rsquo;alimentation de quai 100A 30mA<br \/>\nAnodes de rechange<\/p>\n<p>SYST\u00c8ME DE CALE<\/p>\n<p>Pompe \u00e9lectrique pour l&rsquo;ass\u00e8chement de la cale (salle des machines)<br \/>\nPompes \u00e9lectriques (4)<br \/>\nTuyau d&rsquo;aspiration de la cale de secours (salle des machines) par la pompe de refroidissement du moteur<br \/>\nPompe \u00e9lectrique polyvalente (cale, eaux grises, eaux noires)<\/p>\n<p>SYSTEMES SANITAIRES ET HYDRAULIQUES<\/p>\n<p>Pompe \u00e9lectrique automatique pour le pompage du r\u00e9servoir d&rsquo;eaux noires (interchangeable avec les eaux grises)<br \/>\nPompe \u00e9lectrique automatique pour le syst\u00e8me d&rsquo;\u00e9vacuation des eaux grises (interchangeable avec le r\u00e9servoir d&rsquo;eaux noires)<br \/>\nR\u00e9servoir d&rsquo;eaux noires (53511) avec jauges (3\/4 et plein) et raccord de pont pour le pompage du r\u00e9servoir<br \/>\nSyst\u00e8me de WC \u00e9lectrique avec eau douce<br \/>\nPompe \u00e0 eau douce 6OHz<br \/>\nR\u00e9servoir d&rsquo;eau douce (132011)<br \/>\nR\u00e9servoir d&rsquo;eau grise (53511)<br \/>\nPrise d&rsquo;eau de mer ind\u00e9pendante pour la climatisation avec filtre<br \/>\nPrise d&rsquo;eau de mer ind\u00e9pendante pour le syst\u00e8me d&rsquo;eau de mer avec filtre<br \/>\nSyst\u00e8me de lutte contre l&rsquo;incendie \u00e0 l&rsquo;eau de mer avec lavage de la cha\u00eene<br \/>\nVanne \u00e0 3 voies dans la cuisine<br \/>\nChauffe-eau 50lt 230V (2)<\/p>\n<p>&nbsp;<\/p>\n<p>&nbsp;<\/p>\n<p><strong><span style=\"color: black;\">AVIS DE NON-RESPONSABILIT\u00c9<\/span><\/strong><\/p>\n<p><strong><span style=\"color: black; font-weight: normal;\">Le bateau qui est pr\u00e9sent\u00e9 sur cette page, l\u2019est uniquement \u00e0 titre d&rsquo;information et n&rsquo;est pas n\u00e9cessairement toujours disponible \u00e0 la vente et\/ou \u00e0 la location.<\/span><\/strong><span class=\"apple-converted-space\"><b><span style=\"color: black;\">\u00a0<\/span><\/b><\/span><strong><span style=\"color: black; font-weight: normal;\">Ce bateau est peut-\u00eatre offert sous r\u00e9serve, il faut v\u00e9rifier sa disponibilit\u00e9.<\/span><\/strong><span class=\"apple-converted-space\"><b><span style=\"color: black;\">\u00a0<\/span><\/b><\/span><strong><span style=\"color: black; font-weight: normal;\">\u00a0Ce document ou cette annonce n&rsquo;est pas contractuel. Les informations sur les bateaux affich\u00e9es dans les r\u00e9sultats ci-dessus sont pr\u00e9sent\u00e9es en toute bonne foi et, bien qu&rsquo;elles soient consid\u00e9r\u00e9es comme correctes, elles ne sont pas garanties. Ita Yachts Canada ne garantit pas et n&rsquo;assume aucune responsabilit\u00e9 l\u00e9gale ou responsabilit\u00e9 pour l&rsquo;exactitude, l&rsquo;exhaustivit\u00e9 ou l&rsquo;utilit\u00e9 des informations et\/ou des images affich\u00e9es, car elles peuvent ne pas \u00eatre \u00e0 jour ou encore \u00eatres des images d&rsquo;un bateau comparable. Toutes les informations sur les bateaux peuvent \u00eatre modifi\u00e9es sans pr\u00e9avis et sont sans garantie.<\/span><\/strong><span class=\"apple-converted-space\"><b><span style=\"color: black;\">\u00a0<\/span><\/b><\/span><strong><span style=\"color: black; font-weight: normal;\">Ce bateau est peut-\u00eatre offert par un autre courtier ouvert au co-courtage (co-brokerage).<\/span><\/strong><\/p>\n<p>&nbsp;<\/p>\n<div data-test='contact-form'\n\t\t\tid='contact-form-173545'\n\t\t\tclass='jetpack-contact-form-container '\n\t\t\tdata-wp-interactive='jetpack\/form' data-wp-context='{\"formId\":\"173545\",\"formHash\":\"2701c7a754451d6a05b34048d6794b24b275eb16\",\"showErrors\":false,\"errors\":[],\"fields\":[],\"isMultiStep\":false,\"useAjax\":false,\"submissionData\":null,\"formattedSubmissionData\":[],\"submissionSuccess\":false,\"submissionError\":null,\"elementId\":\"jp-form-2701c7a754451d6a05b34048d6794b24b275eb16\",\"isSingleInputForm\":false,\"isForcedHorizontal\":false}'\n\t\t\tdata-wp-watch--scroll-to-wrapper=\"callbacks.scrollToWrapper\"\n\t\t>\n<div class=\"contact-form-submission contact-form-ajax-submission\" data-wp-bind--aria-hidden=\"state.isSuccessMessageAriaHidden\" data-wp-class--submission-success=\"context.submissionSuccess\" id=\"contact-form-success-2701c7a754451d6a05b34048d6794b24b275eb16\" tabindex=\"-1\" aria-labelledby=\"contact-form-success-header-2701c7a754451d6a05b34048d6794b24b275eb16\"><p class=\"go-back-message\"><a class=\"link\" role=\"button\" tabindex=\"0\" data-wp-on--click=\"actions.goBack\" href=\"\/fr\/wp-json\/wp\/v2\/listing\/173545\">\u2190 Retour<\/a><\/p><h4 data-wp-bind--aria-hidden=\"state.isSuccessMessageAriaHidden\" id=\"contact-form-success-header-2701c7a754451d6a05b34048d6794b24b275eb16\">Merci pour votre r\u00e9ponse. \u2728<\/h4>\n\n<template data-wp-each--submission=\"context.formattedSubmissionData\">\n\t\t\t\t\t<div class=\"jetpack_forms_contact-form-success-summary\">\n\t\t\t\t\t\t<div class=\"field-name-wrapper\">\n\t\t\t\t\t\t\t<div class=\"field-type-icon\" data-wp-watch=\"callbacks.watchFieldTypeIcon\"><\/div>\n\t\t\t\t\t\t\t<div class=\"field-name\" data-wp-text=\"context.submission.label\" data-wp-bind--hidden=\"!context.submission.label\"><\/div>\n\t\t\t\t\t\t<\/div>\n\t\t\t\t\t\t<div class=\"field-value\" data-wp-text=\"context.submission.value\" data-wp-bind--hidden=\"!context.submission.showPlainValue\"><\/div>\n\t\t\t\t\t\t<a class=\"field-url\" data-wp-bind--href=\"context.submission.url\" data-wp-text=\"context.submission.value\" data-wp-bind--hidden=\"!context.submission.url\" target=\"_blank\" rel=\"noopener noreferrer\"><\/a>\n\t\t\t\t\t\t<div class=\"field-rating\" data-wp-bind--hidden=\"!context.submission.rating\" data-wp-watch=\"callbacks.watchRatingIcons\"><\/div>\n\t\t\t\t\t\t<div class=\"field-images\" data-wp-bind--hidden=\"!context.submission.images\">\n\t\t\t\t\t\t\t<template data-wp-each--image=\"context.submission.images\">\n\t\t\t\t\t\t\t\t<div class=\"field-image-option\" data-wp-class--is-empty=\"!context.image.src\">\n\t\t\t\t\t\t\t\t\t<figure class=\"field-image-option__image\" data-wp-class--is-empty=\"!context.image.src\">\n\t\t\t\t\t\t\t\t\t\t<img data-wp-bind--src=\"context.image.src\" data-wp-bind--hidden=\"!context.image.src\" \/>\n\t\t\t\t\t\t\t\t\t\t<img decoding=\"async\" src=\"data:image\/gif;base64,R0lGODlhAQABAAD\/ACwAAAAAAQABAAACADs=\" data-wp-bind--hidden=\"context.image.src\" \/>\n\t\t\t\t\t\t\t\t\t<\/figure>\n\t\t\t\t\t\t\t\t\t<div class=\"field-image-option__label-wrapper\">\n\t\t\t\t\t\t\t\t\t\t<span class=\"field-image-option__label-code\" data-wp-text=\"context.image.letterCode\"><\/span>\n\t\t\t\t\t\t\t\t\t\t<span class=\"field-image-option__label\" data-wp-text=\"context.image.label\" data-wp-bind--hidden=\"!context.image.label\"><\/span>\n\t\t\t\t\t\t\t\t\t<\/div>\n\t\t\t\t\t\t\t\t<\/div>\n\t\t\t\t\t\t\t<\/template>\n\t\t\t\t\t\t<\/div>\n\t\t\t\t\t\t<div class=\"field-files\" data-wp-bind--hidden=\"!context.submission.files\">\n\t\t\t\t\t\t\t<template data-wp-each--file=\"context.submission.files\">\n\t\t\t\t\t\t\t\t<div class=\"field-file\">\n\t\t\t\t\t\t\t\t\t<div class=\"field-file__thumbnail\" data-wp-style--background-image=\"context.file.previewUrl\" data-wp-style--mask-image=\"context.file.iconUrl\" data-wp-bind--hidden=\"!context.file.hasPreview\"><\/div>\n\t\t\t\t\t\t\t\t\t<svg class=\"field-file__icon\" data-wp-bind--hidden=\"context.file.hasPreview\" width=\"20\" height=\"20\" viewBox=\"0 0 24 24\" fill=\"none\" xmlns=\"http:\/\/www.w3.org\/2000\/svg\" aria-hidden=\"true\">\n\t\t\t\t\t\t\t\t\t\t<path d=\"M14 2H6C4.9 2 4 2.9 4 4V20C4 21.1 4.89 22 5.99 22H18C19.1 22 20 21.1 20 20V8L14 2ZM18 20H6V4H13V9H18V20Z\" fill=\"currentColor\"\/>\n\t\t\t\t\t\t\t\t\t<\/svg>\n\t\t\t\t\t\t\t\t\t<span class=\"field-file__name\" data-wp-text=\"context.file.name\"><\/span>\n\t\t\t\t\t\t\t\t\t<span class=\"field-file__size\" data-wp-text=\"context.file.size\"><\/span>\n\t\t\t\t\t\t\t\t<\/div>\n\t\t\t\t\t\t\t<\/template>\n\t\t\t\t\t\t<\/div>\n\t\t\t\t\t<\/div>\n\t\t\t\t<\/template><\/div><form action='https:\/\/itayachtscanada.com\/fr\/listing\/riva-90-argo-2023-9950000-usd-for-sale\/'\n\t\t\t\tid='jp-form-2701c7a754451d6a05b34048d6794b24b275eb16'\n\t\t\t\tmethod='post'\n\t\t\t\tclass='contact-form commentsblock jetpack-contact-form__form has-no-jetpack-form-layout' aria-label=\"{:en}Riva 90 Argo 2023 $7,600,000 usd for sale{:}{:fr}Riva 90 Argo 2023 $7,600,000 usd \u00e0 vendre{:}\"\n\t\t\t\tdata-wp-on--submit=\"actions.onFormSubmit\"\n\t\t\t\tdata-wp-on--reset=\"actions.onFormReset\"\n\t\t\t\tdata-wp-class--submission-success=\"context.submissionSuccess\"\n\t\t\t\tdata-wp-class--is-first-step=\"state.isFirstStep\"\n\t\t\t\tdata-wp-class--is-last-step=\"state.isLastStep\"\n\t\t\t\tdata-wp-class--is-ajax-form=\"context.useAjax\"\n\t\t\t\tnovalidate >\n<input type='hidden' name='jetpack_contact_form_jwt' value='eyJ0eXAiOiJKV1QiLCJhbGciOiJIUzI1NiJ9.eyJlbmNyeXB0ZWRfYXR0cmlidXRlcyI6InhGcjVHV0dvZG5ONUN6TGhSZzZNaDZINHZwdzNRMWhwekV5MzVIL3h5Y0Q5N3QzQ1hZOUJhOVRiT202MytLK0JqK1RzbEplRzZDakpyMlpISk1sa0lpTmF0T2wvWjhpSFRvS0o5c3VSaXhyWlV5WFVZcElvNEhCbE53cnVFYjhuL1JpRXBmSEk3N2RhcnVhbWt0ODNzYUR3Q1o1cjhuNWlIZmJQSjVMNnljbGN2V004cG11NUIxYXhEQmZDczVwWEVieGdvUFMxckdjQTNlK1FsOXNnRitXaU1ZS2U1Nkp5d3FOckJJUHpJVyt5UGxLZndJem1QWmQxdWtxSWdkWHdrV1hWdjE2RjVEZEg5U3VQckJ1Umw5UWg0RmxlOHlMaGVrK3JTYzNGQ2V0bHRBa3dHelRoKzNNUDg0RWQ5SVN4T214aFdobldpM0JLL3VVTGpIR3RYMUViR0FqZE51R3pPV0kwTTdFK25haWtFQmhoWWs3QmtBcFVEY1lnYWMvYzczYzZaZ2lKdUExZmFDTlV1SERXaW8zaWRqVUNhUVJQOU53anVhckFnbUxrQmF0RkdTUnhraHhHOVJOck8rNjlaK1JsdFJmMXdPQ2d5S1JvOXdnM21Vc3NyWCtJYWVMWjVQMitXRklBWis0UVdtRU1Vd1l4ekpydkpaVUlNSlhEVXpqQWpnZFNSRGxORTRPbnhsM1FFamc5K09yMnZQRXBnT01GSWc3a1NGRzh6d0psZXBKT0R2M1FsUVBmMThmdGtNaHQ3dGZVVmZpKzc4MzV0K2pqVGZrbkZhSVNBTFhreFF4ZFJOQXVnbmVlaVpjWWw1aTVyQmE5ZVZ0OFV2VG5Ydm9qc0tIaE1xbDU5dWEyTjNWWHl4MDhMOHRGSndjRkdTY3I4QStqWlYvbGgxWW5ybFJMQVJRR0w0RW5IUEYrN2N4Qmhjd05WMzltY0RUdUpRWmNJbEViekZ0UmtWQ2ZHbjY0RVYvajdTSWVHQzJ0Q21mS2JvT25Pd21aN1NFTGc4cHVYRllhdkRJUi8yWlhMV0I0YlJhTW1YbHh3dmdaK1BrNDJjcGFEOE02dU94NDJMVE40cG5sTFRFRzVtNDhFVTgwY00xdHJKaWoyMk44T25KUS85MDhjM1g5RGZ3VEhTZTFqUWdKcHp1RzQ5Vjl1YjIvdGJlOVlZa3dJaGRuaFZsZ0FwYkhEakhMYndlSHFkMTdUZGpyQnFiYTIyd2taVm5zaGFUaXF5Y3ZSS2d1bVdsOGF3PT0iLCJjb250ZW50IjoiW2NvbnRhY3QtZmllbGQgbGFiZWw9XCJOb206XCIgdHlwZT1cIm5hbWVcIiByZXF1aXJlZD1cIjFcIl1bY29udGFjdC1maWVsZCBsYWJlbD1cIkUtbWFpbFwiIHR5cGU9XCJlbWFpbFwiIHJlcXVpcmVkPVwiMVwiXVtjb250YWN0LWZpZWxkIGxhYmVsPVwiQXUgc3VqZXQgZGUgY2UgeWFjaHQ6IFwiIHR5cGU9XCJ0ZXh0XCJdW2NvbnRhY3QtZmllbGQgbGFiZWw9XCJNZXNzYWdlXCIgdHlwZT1cInRleHRhcmVhXCJdIiwiaGFzaCI6IjI3MDFjN2E3NTQ0NTFkNmEwNWIzNDA0OGQ2Nzk0YjI0YjI3NWViMTYiLCJzb3VyY2UiOnsiZW50cnlfdGl0bGUiOiJSaXZhIDkwIEFyZ28gMjAyMyAkNyw2MDAsMDAwIHVzZCBcdTAwZTAgdmVuZHJlIiwiZW50cnlfcGFnZSI6MSwic291cmNlX2lkIjoxNzM1NDUsInNvdXJjZV90eXBlIjoic2luZ2xlIiwicmVxdWVzdF91cmwiOiJodHRwczovL2l0YXlhY2h0c2NhbmFkYS5jb20vZnIvd3AtanNvbi93cC92Mi9saXN0aW5nLzE3MzU0NSJ9LCJ2ZXJzaW9uIjoyLCJjaXBoZXIiOiJhZXMtMjU2LWdjbSJ9.LDU7SZ06lnUfzpiiuJI1gNlmrkzmbB96Qxs5AMr1Lz4' \/>\n\n<div style=\"\"  data-wp-interactive=\"jetpack\/form\" data-wp-context='{\"fieldId\":\"g173545-nom\",\"fieldType\":\"name\",\"fieldLabel\":\"Nom:\",\"fieldValue\":\"\",\"fieldPlaceholder\":\"\",\"fieldIsRequired\":\"1\",\"fieldErrorMessage\":\"\",\"fieldExtra\":[],\"formHash\":\"2701c7a754451d6a05b34048d6794b24b275eb16\"}'  class='grunion-field-name-wrap grunion-field-wrap'  data-wp-init='callbacks.initializeField' data-wp-on--jetpack-form-reset='callbacks.initializeField' >\n<label\n\t\t\t\tfor='g173545-nom' class=\"grunion-field-label name\" >Nom:<span class=\"grunion-label-required\" aria-hidden=\"true\">(obligatoire)<\/span><\/label>\n<input\n\t\t\t\t\ttype='text'\n\t\t\t\t\tname='g173545-nom'\n\t\t\t\t\tid='g173545-nom'\n\t\t\t\t\tvalue=''\n\n\t\t\t\t\tdata-wp-bind--aria-invalid='state.fieldAriaInvalid'\n\t\t\t\t\tdata-wp-bind--value='state.getFieldValue'\n\t\t\t\t\taria-describedby='g173545-nom-text-error-message'\n\t\t\t\t\tdata-wp-on--input='actions.onFieldChange'\n\t\t\t\t\tdata-wp-on--blur='actions.onFieldBlur'\n\t\t\t\t\tdata-wp-class--has-value='state.hasFieldValue'\n\n\t\t\t\t\tclass='name  grunion-field' \n\t\t\t\t\trequired='true' aria-required='true'  \/>\n \n\t\t\t<div id=\"g173545-nom-text-error\" class=\"contact-form__input-error\" data-wp-class--has-errors=\"state.fieldHasErrors\">\n\t\t\t\t<span class=\"contact-form__warning-icon\" aria-hidden=\"true\">\n\t\t\t\t\t<svg width=\"16\" height=\"16\" viewBox=\"0 0 16 16\" fill=\"none\" xmlns=\"http:\/\/www.w3.org\/2000\/svg\">\n\t\t\t\t\t\t<path d=\"M8.50015 11.6402H7.50015V10.6402H8.50015V11.6402Z\" \/>\n\t\t\t\t\t\t<path d=\"M7.50015 9.64018H8.50015V6.30684H7.50015V9.64018Z\" \/>\n\t\t\t\t\t\t<path fill-rule=\"evenodd\" clip-rule=\"evenodd\" d=\"M6.98331 3.0947C7.42933 2.30177 8.57096 2.30177 9.01698 3.09469L13.8771 11.7349C14.3145 12.5126 13.7525 13.4735 12.8602 13.4735H3.14004C2.24774 13.4735 1.68575 12.5126 2.12321 11.7349L6.98331 3.0947ZM8.14541 3.58496C8.08169 3.47168 7.9186 3.47168 7.85488 3.58496L2.99478 12.2251C2.93229 12.3362 3.01257 12.4735 3.14004 12.4735H12.8602C12.9877 12.4735 13.068 12.3362 13.0055 12.2251L8.14541 3.58496Z\" \/>\n\t\t\t\t\t<\/svg>\n\t\t\t\t<\/span>\n\t\t\t\t<span data-wp-text=\"state.errorMessage\" id=\"g173545-nom-text-error-message\"><\/span>\n\t\t\t<\/div> \n\t<\/div>\n\n<div style=\"\"  data-wp-interactive=\"jetpack\/form\" data-wp-context='{\"fieldId\":\"g173545-email\",\"fieldType\":\"email\",\"fieldLabel\":\"E-mail\",\"fieldValue\":\"\",\"fieldPlaceholder\":\"\",\"fieldIsRequired\":\"1\",\"fieldErrorMessage\":\"\",\"fieldExtra\":[],\"formHash\":\"2701c7a754451d6a05b34048d6794b24b275eb16\"}'  class='grunion-field-email-wrap grunion-field-wrap'  data-wp-init='callbacks.initializeField' data-wp-on--jetpack-form-reset='callbacks.initializeField' >\n<label\n\t\t\t\tfor='g173545-email' class=\"grunion-field-label email\" >E-mail<span class=\"grunion-label-required\" aria-hidden=\"true\">(obligatoire)<\/span><\/label>\n<input\n\t\t\t\t\ttype='email'\n\t\t\t\t\tname='g173545-email'\n\t\t\t\t\tid='g173545-email'\n\t\t\t\t\tvalue=''\n\n\t\t\t\t\tdata-wp-bind--aria-invalid='state.fieldAriaInvalid'\n\t\t\t\t\tdata-wp-bind--value='state.getFieldValue'\n\t\t\t\t\taria-describedby='g173545-email-email-error-message'\n\t\t\t\t\tdata-wp-on--input='actions.onFieldChange'\n\t\t\t\t\tdata-wp-on--blur='actions.onFieldBlur'\n\t\t\t\t\tdata-wp-class--has-value='state.hasFieldValue'\n\n\t\t\t\t\tclass='email  grunion-field' \n\t\t\t\t\trequired='true' aria-required='true'  \/>\n \n\t\t\t<div id=\"g173545-email-email-error\" class=\"contact-form__input-error\" data-wp-class--has-errors=\"state.fieldHasErrors\">\n\t\t\t\t<span class=\"contact-form__warning-icon\" aria-hidden=\"true\">\n\t\t\t\t\t<svg width=\"16\" height=\"16\" viewBox=\"0 0 16 16\" fill=\"none\" xmlns=\"http:\/\/www.w3.org\/2000\/svg\">\n\t\t\t\t\t\t<path d=\"M8.50015 11.6402H7.50015V10.6402H8.50015V11.6402Z\" \/>\n\t\t\t\t\t\t<path d=\"M7.50015 9.64018H8.50015V6.30684H7.50015V9.64018Z\" \/>\n\t\t\t\t\t\t<path fill-rule=\"evenodd\" clip-rule=\"evenodd\" d=\"M6.98331 3.0947C7.42933 2.30177 8.57096 2.30177 9.01698 3.09469L13.8771 11.7349C14.3145 12.5126 13.7525 13.4735 12.8602 13.4735H3.14004C2.24774 13.4735 1.68575 12.5126 2.12321 11.7349L6.98331 3.0947ZM8.14541 3.58496C8.08169 3.47168 7.9186 3.47168 7.85488 3.58496L2.99478 12.2251C2.93229 12.3362 3.01257 12.4735 3.14004 12.4735H12.8602C12.9877 12.4735 13.068 12.3362 13.0055 12.2251L8.14541 3.58496Z\" \/>\n\t\t\t\t\t<\/svg>\n\t\t\t\t<\/span>\n\t\t\t\t<span data-wp-text=\"state.errorMessage\" id=\"g173545-email-email-error-message\"><\/span>\n\t\t\t<\/div> \n\t<\/div>\n\n<div style=\"\"  data-wp-interactive=\"jetpack\/form\" data-wp-context='{\"fieldId\":\"g173545-ausujetdeceyacht\",\"fieldType\":\"text\",\"fieldLabel\":\"Au sujet de ce yacht: \",\"fieldValue\":\"\",\"fieldPlaceholder\":\"\",\"fieldIsRequired\":\"\",\"fieldErrorMessage\":\"\",\"fieldExtra\":[],\"formHash\":\"2701c7a754451d6a05b34048d6794b24b275eb16\"}'  class='grunion-field-text-wrap grunion-field-wrap'  data-wp-init='callbacks.initializeField' data-wp-on--jetpack-form-reset='callbacks.initializeField' >\n<label\n\t\t\t\tfor='g173545-ausujetdeceyacht' class=\"grunion-field-label text\" >Au sujet de ce yacht: <\/label>\n<input\n\t\t\t\t\ttype='text'\n\t\t\t\t\tname='g173545-ausujetdeceyacht'\n\t\t\t\t\tid='g173545-ausujetdeceyacht'\n\t\t\t\t\tvalue=''\n\n\t\t\t\t\tdata-wp-bind--aria-invalid='state.fieldAriaInvalid'\n\t\t\t\t\tdata-wp-bind--value='state.getFieldValue'\n\t\t\t\t\taria-describedby='g173545-ausujetdeceyacht-text-error-message'\n\t\t\t\t\tdata-wp-on--input='actions.onFieldChange'\n\t\t\t\t\tdata-wp-on--blur='actions.onFieldBlur'\n\t\t\t\t\tdata-wp-class--has-value='state.hasFieldValue'\n\n\t\t\t\t\tclass='text  grunion-field' \n\t\t\t\t\t \/>\n \n\t\t\t<div id=\"g173545-ausujetdeceyacht-text-error\" class=\"contact-form__input-error\" data-wp-class--has-errors=\"state.fieldHasErrors\">\n\t\t\t\t<span class=\"contact-form__warning-icon\" aria-hidden=\"true\">\n\t\t\t\t\t<svg width=\"16\" height=\"16\" viewBox=\"0 0 16 16\" fill=\"none\" xmlns=\"http:\/\/www.w3.org\/2000\/svg\">\n\t\t\t\t\t\t<path d=\"M8.50015 11.6402H7.50015V10.6402H8.50015V11.6402Z\" \/>\n\t\t\t\t\t\t<path d=\"M7.50015 9.64018H8.50015V6.30684H7.50015V9.64018Z\" \/>\n\t\t\t\t\t\t<path fill-rule=\"evenodd\" clip-rule=\"evenodd\" d=\"M6.98331 3.0947C7.42933 2.30177 8.57096 2.30177 9.01698 3.09469L13.8771 11.7349C14.3145 12.5126 13.7525 13.4735 12.8602 13.4735H3.14004C2.24774 13.4735 1.68575 12.5126 2.12321 11.7349L6.98331 3.0947ZM8.14541 3.58496C8.08169 3.47168 7.9186 3.47168 7.85488 3.58496L2.99478 12.2251C2.93229 12.3362 3.01257 12.4735 3.14004 12.4735H12.8602C12.9877 12.4735 13.068 12.3362 13.0055 12.2251L8.14541 3.58496Z\" \/>\n\t\t\t\t\t<\/svg>\n\t\t\t\t<\/span>\n\t\t\t\t<span data-wp-text=\"state.errorMessage\" id=\"g173545-ausujetdeceyacht-text-error-message\"><\/span>\n\t\t\t<\/div> \n\t<\/div>\n\n<div style=\"\"  data-wp-interactive=\"jetpack\/form\" data-wp-context='{\"fieldId\":\"g173545-message\",\"fieldType\":\"textarea\",\"fieldLabel\":\"Message\",\"fieldValue\":\"\",\"fieldPlaceholder\":\"\",\"fieldIsRequired\":\"\",\"fieldErrorMessage\":\"\",\"fieldExtra\":[],\"formHash\":\"2701c7a754451d6a05b34048d6794b24b275eb16\"}'  class='grunion-field-textarea-wrap grunion-field-wrap'  data-wp-init='callbacks.initializeField' data-wp-on--jetpack-form-reset='callbacks.initializeField' >\n<label\n\t\t\t\tfor='contact-form-comment-g173545-message' class=\"grunion-field-label textarea\" >Message<\/label>\n<textarea\n\t\t                style=''\n\t\t                name='g173545-message'\n\t\t                id='contact-form-comment-g173545-message'\n\t\t                rows='20'\n\t\t\t\t\t\tdata-wp-text='state.getFieldValue'\n\t\t\t\t\t\tdata-wp-on--input='actions.onFieldChange'\n\t\t\t\t\t\tdata-wp-on--blur='actions.onFieldBlur'\n\t\t\t\t\t\tdata-wp-class--has-value='state.hasFieldValue'\n\t\t\t\t\t\taria-describedby='g173545-message-textarea-error-message'\n\t\t\t\t\t\tdata-wp-bind--aria-invalid='state.fieldAriaInvalid'\n\t\t\t\t\t\tclass='textarea  grunion-field'  ><\/textarea>\n \n\t\t\t<div id=\"g173545-message-textarea-error\" class=\"contact-form__input-error\" data-wp-class--has-errors=\"state.fieldHasErrors\">\n\t\t\t\t<span class=\"contact-form__warning-icon\" aria-hidden=\"true\">\n\t\t\t\t\t<svg width=\"16\" height=\"16\" viewBox=\"0 0 16 16\" fill=\"none\" xmlns=\"http:\/\/www.w3.org\/2000\/svg\">\n\t\t\t\t\t\t<path d=\"M8.50015 11.6402H7.50015V10.6402H8.50015V11.6402Z\" \/>\n\t\t\t\t\t\t<path d=\"M7.50015 9.64018H8.50015V6.30684H7.50015V9.64018Z\" \/>\n\t\t\t\t\t\t<path fill-rule=\"evenodd\" clip-rule=\"evenodd\" d=\"M6.98331 3.0947C7.42933 2.30177 8.57096 2.30177 9.01698 3.09469L13.8771 11.7349C14.3145 12.5126 13.7525 13.4735 12.8602 13.4735H3.14004C2.24774 13.4735 1.68575 12.5126 2.12321 11.7349L6.98331 3.0947ZM8.14541 3.58496C8.08169 3.47168 7.9186 3.47168 7.85488 3.58496L2.99478 12.2251C2.93229 12.3362 3.01257 12.4735 3.14004 12.4735H12.8602C12.9877 12.4735 13.068 12.3362 13.0055 12.2251L8.14541 3.58496Z\" \/>\n\t\t\t\t\t<\/svg>\n\t\t\t\t<\/span>\n\t\t\t\t<span data-wp-text=\"state.errorMessage\" id=\"g173545-message-textarea-error-message\"><\/span>\n\t\t\t<\/div>\n\t<\/div>\n\t<p class='contact-submit'>\n<div class=\"contact-form__error\" data-wp-class--show-errors=\"state.showFormErrors\"><span class=\"contact-form__warning-icon\" aria-hidden=\"true\"><i><\/i><\/span><span class=\"contact-form__error-message\" tabindex=\"-1\" data-wp-watch=\"callbacks.focusOnValidationError\" data-wp-text=\"state.getFormErrorMessage\"><\/span><ul aria-label=\"Erreurs de formulaire\">\n\t\t\t\t<template data-wp-each=\"state.getErrorList\" data-wp-key=\"context.item.id\">\n\t\t\t\t\t<li><a data-wp-bind--href=\"context.item.anchor\" data-wp-on--click=\"actions.scrollIntoView\" data-wp-text=\"context.item.label\"><\/a><\/li>\n\t\t\t\t<\/template>\n\t\t\t\t<\/ul><\/div><div class=\"contact-form__error\" data-wp-class--show-errors=\"state.showSubmissionError\" data-wp-text=\"context.submissionError\" tabindex=\"-1\" data-wp-watch=\"callbacks.focusOnSubmissionError\"><\/div>\t\t<button type='submit' class='pushbutton-wide'>Envoyer<\/button>\t\t<input type='hidden' name='contact-form-id' value='173545' \/>\n\t\t<input type='hidden' name='action' value='grunion-contact-form' \/>\n\t\t<input type='hidden' name='contact-form-hash' value='2701c7a754451d6a05b34048d6794b24b275eb16' \/>\n\t<\/p>\n<p style=\"display: none !important;\" class=\"akismet-fields-container\" data-prefix=\"ak_\"><label>&#916;<textarea name=\"ak_hp_textarea\" cols=\"45\" rows=\"8\" maxlength=\"100\"><\/textarea><\/label><input type=\"hidden\" id=\"ak_js_1\" name=\"ak_js\" value=\"95\"\/><script type=\"text\/javascript\">\n\/* <![CDATA[ *\/\ndocument.getElementById( \"ak_js_1\" ).setAttribute( \"value\", ( new Date() ).getTime() );\n\/* ]]> *\/\n<\/script>\n<\/p><\/form>\n<\/div>\n<p>&nbsp;<\/p>\n<p>&nbsp;<\/p>\n<p>&nbsp;<\/p>\n<\/div>\n<\/div>\n","protected":false},"excerpt":{"rendered":"<p>OFF MARKET (pr\u00e9sentement retir\u00e9 de la vente) Riva 90 Argo 2023 $7,600,000 usd \u00e0 vendre Ce 90 Riva a \u00e9t\u00e9 r\u00e9cemment \u00e9chang\u00e9 \u00e0 Ferretti Group pour un Riva plus grand. Il s&rsquo;agit de la coque n\u00b021 de la s\u00e9rie \u00e0 succ\u00e8s 90 Riva Argo construite au chantier naval Ferretti Group- Riva \u00e0 La Spezia, en &hellip; <a href=\"https:\/\/itayachtscanada.com\/fr\/listing\/riva-90-argo-2023-9950000-usd-for-sale\/\" class=\"more-link\">Lire la suite <span class=\"screen-reader-text\">Riva 90 Argo 2023 $7,600,000 usd \u00e0 vendre<\/span> <span class=\"meta-nav\">&rarr;<\/span><\/a><\/p>\n","protected":false},"author":119081455,"featured_media":173551,"parent":0,"menu_order":0,"comment_status":"open","ping_status":"open","template":"","format":"standard","meta":{"_coblocks_attr":"","_coblocks_dimensions":"","_coblocks_responsive_height":"","_coblocks_accordion_ie_support":"","_lmt_disableupdate":"no","_lmt_disable":"no","advanced_seo_description":"","jetpack_seo_html_title":"","jetpack_seo_noindex":false,"footnotes":""},"manufacturer":[6421],"prix":[7037],"years":[6465],"length_feet":[6591],"boat_type":[6464,6466],"price_range":[6583],"localisations":[],"numyacht":[9681,10227,10061,10717],"datevente":[10473,10596,10716,11024,11173,11282],"country":[10755],"states":[10770],"city":[10812],"fresh-water-boat":[10809],"broker":[],"migration":[10888],"class_list":["post-173545","listing","type-listing","status-publish","format-standard","has-post-thumbnail","hentry","manufacturer-riva","prix-7037","years-6465","length_feet-between-90-and-99-feets","boat_type-flybridge","boat_type-megayacht","price_range-7000000-9999999","numyacht-9681","numyacht-10227","numyacht-10061","numyacht-10717","datevente-2025-06-25","datevente-2025-08-21","datevente-2025-10-19","datevente-2025-12-16","datevente-2026-02-12","datevente-2026-04-11","country-united-states","states-floride","city-fort-lauderdale","fresh-water-boat-non","migration-non"],"translation":{"provider":"WPGlobus","version":"2.12.2","language":"fr","enabled_languages":["en","fr"],"languages":{"en":{"title":true,"content":true,"excerpt":false},"fr":{"title":true,"content":true,"excerpt":false}}},"jetpack_likes_enabled":true,"jetpack_sharing_enabled":true,"_links":{"self":[{"href":"https:\/\/itayachtscanada.com\/fr\/wp-json\/wp\/v2\/listing\/173545","targetHints":{"allow":["GET"]}}],"collection":[{"href":"https:\/\/itayachtscanada.com\/fr\/wp-json\/wp\/v2\/listing"}],"about":[{"href":"https:\/\/itayachtscanada.com\/fr\/wp-json\/wp\/v2\/types\/listing"}],"author":[{"embeddable":true,"href":"https:\/\/itayachtscanada.com\/fr\/wp-json\/wp\/v2\/users\/119081455"}],"replies":[{"embeddable":true,"href":"https:\/\/itayachtscanada.com\/fr\/wp-json\/wp\/v2\/comments?post=173545"}],"version-history":[{"count":33,"href":"https:\/\/itayachtscanada.com\/fr\/wp-json\/wp\/v2\/listing\/173545\/revisions"}],"predecessor-version":[{"id":299333,"href":"https:\/\/itayachtscanada.com\/fr\/wp-json\/wp\/v2\/listing\/173545\/revisions\/299333"}],"wp:featuredmedia":[{"embeddable":true,"href":"https:\/\/itayachtscanada.com\/fr\/wp-json\/wp\/v2\/media\/173551"}],"wp:attachment":[{"href":"https:\/\/itayachtscanada.com\/fr\/wp-json\/wp\/v2\/media?parent=173545"}],"wp:term":[{"taxonomy":"manufacturer","embeddable":true,"href":"https:\/\/itayachtscanada.com\/fr\/wp-json\/wp\/v2\/manufacturer?post=173545"},{"taxonomy":"prix","embeddable":true,"href":"https:\/\/itayachtscanada.com\/fr\/wp-json\/wp\/v2\/prix?post=173545"},{"taxonomy":"years","embeddable":true,"href":"https:\/\/itayachtscanada.com\/fr\/wp-json\/wp\/v2\/years?post=173545"},{"taxonomy":"length_feet","embeddable":true,"href":"https:\/\/itayachtscanada.com\/fr\/wp-json\/wp\/v2\/length_feet?post=173545"},{"taxonomy":"boat_type","embeddable":true,"href":"https:\/\/itayachtscanada.com\/fr\/wp-json\/wp\/v2\/boat_type?post=173545"},{"taxonomy":"price_range","embeddable":true,"href":"https:\/\/itayachtscanada.com\/fr\/wp-json\/wp\/v2\/price_range?post=173545"},{"taxonomy":"localisations","embeddable":true,"href":"https:\/\/itayachtscanada.com\/fr\/wp-json\/wp\/v2\/localisations?post=173545"},{"taxonomy":"numyacht","embeddable":true,"href":"https:\/\/itayachtscanada.com\/fr\/wp-json\/wp\/v2\/numyacht?post=173545"},{"taxonomy":"datevente","embeddable":true,"href":"https:\/\/itayachtscanada.com\/fr\/wp-json\/wp\/v2\/datevente?post=173545"},{"taxonomy":"country","embeddable":true,"href":"https:\/\/itayachtscanada.com\/fr\/wp-json\/wp\/v2\/country?post=173545"},{"taxonomy":"states","embeddable":true,"href":"https:\/\/itayachtscanada.com\/fr\/wp-json\/wp\/v2\/states?post=173545"},{"taxonomy":"city","embeddable":true,"href":"https:\/\/itayachtscanada.com\/fr\/wp-json\/wp\/v2\/city?post=173545"},{"taxonomy":"fresh-water-boat","embeddable":true,"href":"https:\/\/itayachtscanada.com\/fr\/wp-json\/wp\/v2\/fresh-water-boat?post=173545"},{"taxonomy":"broker","embeddable":true,"href":"https:\/\/itayachtscanada.com\/fr\/wp-json\/wp\/v2\/broker?post=173545"},{"taxonomy":"migration","embeddable":true,"href":"https:\/\/itayachtscanada.com\/fr\/wp-json\/wp\/v2\/migration?post=173545"}],"curies":[{"name":"wp","href":"https:\/\/api.w.org\/{rel}","templated":true}]}}