{"id":165517,"date":"2024-06-08T14:03:48","date_gmt":"2024-06-08T18:03:48","guid":{"rendered":"https:\/\/itayachtscanada.com\/?post_type=listing&#038;p=165517"},"modified":"2026-03-10T16:08:14","modified_gmt":"2026-03-10T20:08:14","slug":"sunseeker-95-yacht-2023-9499000-usd-for-sale","status":"publish","type":"listing","link":"https:\/\/itayachtscanada.com\/fr\/listing\/sunseeker-95-yacht-2023-9499000-usd-for-sale\/","title":{"rendered":"Sunseeker 95 Yacht 2023 $7,249,000 usd \u00e0 vendre"},"content":{"rendered":"<p><strong>Sunseeker 95 Yacht 2023 $7,249,000 usd \u00e0 vendre<\/strong><\/p>\n<p>\u00ab Trigger Happy est un Sunseeker 95&prime; Yacht de 2023 qui peut accueillir jusqu&rsquo;\u00e0 10 invit\u00e9s dans 5 cabines, avec 4 membres d&rsquo;\u00e9quipage dans ses quartiers d&rsquo;\u00e9quipage. Il est \u00e9quip\u00e9 de deux MTU 12V 2000, de trois g\u00e9n\u00e9rateurs Kohler de 35kW et d&rsquo;un dessalinisateur de 1850 GPD avec SpotZero. Il dispose d&rsquo;une grande plateforme de baignade qui peut soulever hydrauliquement les annexes ou les jouets de votre choix. Les fen\u00eatres panoramiques de l&rsquo;ensemble du navire offrent des vues \u00e0 couper le souffle lors de votre croisi\u00e8re.<\/p>\n<p>Une caract\u00e9ristique unique est l&rsquo;am\u00e9nagement du pont principal avec la luxueuse cabine de ma\u00eetre sur le pont, un escalier \u00e0 l&rsquo;avant qui m\u00e8ne \u00e0 un dressing au niveau interm\u00e9diaire et \u00e0 une somptueuse salle de bain attenante. Le poste de pilotage sur\u00e9lev\u00e9 offre une plus grande flexibilit\u00e9 et contribue \u00e0 l&rsquo;am\u00e9nagement du pont principal. Sur le pont, le flybridge spacieux est bien \u00e9quip\u00e9 avec un second poste de pilotage, un bar et de nombreuses places assises pour recevoir les invit\u00e9s avec style.<\/p>\n<h3>Ce Sunseeker 95 Yacht est situ\u00e9 en Floride, veuillez nous contacter au 514-521-1221 pour tous les d\u00e9tails concernant ce Sunseeker 95 Yachts, notre bureau est situ\u00e9 en banlieue de Montr\u00e9al.<\/h3>\n<p><a href=\"https:\/\/itayachtscanada.com\/fr\/virtuals_visits\/sunseeker-95-yacht\/\">Cliquez ici<\/a> pour une visite virtuelle du Sunseeker 95 Yacht.<\/p>\n<p>Dimensions<br \/>\nLongueur hors tout : 95 pieds<br \/>\nLargeur : 21 pi 6 po<br \/>\nTirant d&rsquo;eau maximum : 7 pi<br \/>\nVitesse<br \/>\nVitesse de croisi\u00e8re : 24 noeuds \u00e0 tr\/min<br \/>\nVitesse de coque : 26 kn \u00e0 tr\/min<\/p>\n<p>R\u00e9servoirs<br \/>\nCarburant : (3170 gal) Autre<br \/>\nEau douce : (462 gal) Autre<br \/>\nR\u00e9servoir de stockage : (115 gal) Autre<br \/>\nH\u00e9bergement<br \/>\nCabines : 4 + 2<br \/>\nSalles de bain : 5 + 1<\/p>\n<p>MOTEURS :<\/p>\n<p>MTU 12V 2000 M96X (Moteur 1)<br \/>\nType de carburant : Diesel<br \/>\nHeures : 485<br \/>\nPuissance : 1973 hp<br \/>\nType d&rsquo;entra\u00eenement : Entra\u00eenement direct<\/p>\n<p>MTU 12V 2000 M96X (moteur 2)<br \/>\nType de carburant : Diesel<br \/>\nNombre d&rsquo;heures : 485<br \/>\nPuissance : 1973 hp<\/p>\n<p>&nbsp;<\/p>\n<div class=\"html-content-description\">\n<div class=\"content-box\">\n<div class=\"column-container cols-3\">\n<div class=\"column\">\n<div class=\"column-item\">\n<div class=\"content-box\">\n<div class=\"column-container cols-3\">\n<div class=\"column\">\n<div class=\"column-item\">\n<div><\/div>\n<\/div>\n<\/div>\n<\/div>\n<\/div>\n<div class=\"tiled-gallery type-rectangular tiled-gallery-unresized\" data-original-width=\"700\" data-carousel-extra='{&quot;blog_id&quot;:1,&quot;permalink&quot;:&quot;https:\\\/\\\/itayachtscanada.com\\\/fr\\\/listing\\\/sunseeker-95-yacht-2023-9499000-usd-for-sale\\\/&quot;,&quot;likes_blog_id&quot;:198557287}' itemscope itemtype=\"http:\/\/schema.org\/ImageGallery\" > <div class=\"gallery-row\" style=\"width: 700px; height: 308px;\" data-original-width=\"700\" data-original-height=\"308\" > <div class=\"gallery-group images-1\" style=\"width: 467px; height: 308px;\" data-original-width=\"467\" data-original-height=\"308\" > <div class=\"tiled-gallery-item tiled-gallery-item-large\" itemprop=\"associatedMedia\" itemscope itemtype=\"http:\/\/schema.org\/ImageObject\"> <a href=\"https:\/\/itayachtscanada.com\/fr\/listing\/sunseeker-95-yacht-2023-9499000-usd-for-sale\/screenshot-3794\/\" border=\"0\" itemprop=\"url\"> <meta itemprop=\"width\" content=\"463\"> <meta itemprop=\"height\" content=\"304\"> <img decoding=\"async\" class=\"\" data-attachment-id=\"165520\" data-orig-file=\"https:\/\/itayachtscanada.com\/wp-content\/uploads\/2024\/06\/Capture-decran-le-2024-06-08-a-13.13.01.jpg\" data-orig-size=\"1912,1256\" data-comments-opened=\"1\" data-image-meta=\"{&quot;aperture&quot;:&quot;0&quot;,&quot;credit&quot;:&quot;&quot;,&quot;camera&quot;:&quot;&quot;,&quot;caption&quot;:&quot;Screenshot&quot;,&quot;created_timestamp&quot;:&quot;0&quot;,&quot;copyright&quot;:&quot;&quot;,&quot;focal_length&quot;:&quot;0&quot;,&quot;iso&quot;:&quot;0&quot;,&quot;shutter_speed&quot;:&quot;0&quot;,&quot;title&quot;:&quot;Screenshot&quot;,&quot;orientation&quot;:&quot;1&quot;}\" data-image-title=\"Screenshot\" data-image-description=\"\" data-medium-file=\"https:\/\/i0.wp.com\/itayachtscanada.com\/wp-content\/uploads\/2024\/06\/Capture-decran-le-2024-06-08-a-13.13.01.jpg?fit=300%2C197&#038;ssl=1\" data-large-file=\"https:\/\/i0.wp.com\/itayachtscanada.com\/wp-content\/uploads\/2024\/06\/Capture-decran-le-2024-06-08-a-13.13.01.jpg?fit=700%2C460&#038;ssl=1\" src=\"https:\/\/i0.wp.com\/itayachtscanada.com\/wp-content\/uploads\/2024\/06\/Capture-decran-le-2024-06-08-a-13.13.01.jpg?w=463&#038;h=304&#038;ssl=1\" srcset=\"https:\/\/i0.wp.com\/itayachtscanada.com\/wp-content\/uploads\/2024\/06\/Capture-decran-le-2024-06-08-a-13.13.01.jpg?w=1912&amp;ssl=1 1912w, https:\/\/i0.wp.com\/itayachtscanada.com\/wp-content\/uploads\/2024\/06\/Capture-decran-le-2024-06-08-a-13.13.01.jpg?resize=300%2C197&amp;ssl=1 300w, https:\/\/i0.wp.com\/itayachtscanada.com\/wp-content\/uploads\/2024\/06\/Capture-decran-le-2024-06-08-a-13.13.01.jpg?resize=1024%2C673&amp;ssl=1 1024w, https:\/\/i0.wp.com\/itayachtscanada.com\/wp-content\/uploads\/2024\/06\/Capture-decran-le-2024-06-08-a-13.13.01.jpg?resize=768%2C505&amp;ssl=1 768w, https:\/\/i0.wp.com\/itayachtscanada.com\/wp-content\/uploads\/2024\/06\/Capture-decran-le-2024-06-08-a-13.13.01.jpg?resize=1536%2C1009&amp;ssl=1 1536w, https:\/\/i0.wp.com\/itayachtscanada.com\/wp-content\/uploads\/2024\/06\/Capture-decran-le-2024-06-08-a-13.13.01.jpg?resize=1200%2C788&amp;ssl=1 1200w, https:\/\/i0.wp.com\/itayachtscanada.com\/wp-content\/uploads\/2024\/06\/Capture-decran-le-2024-06-08-a-13.13.01.jpg?resize=700%2C460&amp;ssl=1 700w, https:\/\/i0.wp.com\/itayachtscanada.com\/wp-content\/uploads\/2024\/06\/Capture-decran-le-2024-06-08-a-13.13.01.jpg?resize=609%2C400&amp;ssl=1 609w, https:\/\/i0.wp.com\/itayachtscanada.com\/wp-content\/uploads\/2024\/06\/Capture-decran-le-2024-06-08-a-13.13.01.jpg?w=1400&amp;ssl=1 1400w\" width=\"463\" height=\"304\" loading=\"lazy\" data-original-width=\"463\" data-original-height=\"304\" itemprop=\"http:\/\/schema.org\/image\" title=\"Screenshot\" alt=\"Sunseeker 95 Yacht 2023\" style=\"width: 463px; height: 304px;\" \/> <\/a> <div class=\"tiled-gallery-caption\" itemprop=\"caption description\"> Sunseeker 95 Yacht 2023 <\/div> <\/div> <\/div> <!-- close group --> <div class=\"gallery-group images-2\" style=\"width: 233px; height: 308px;\" data-original-width=\"233\" data-original-height=\"308\" > <div class=\"tiled-gallery-item tiled-gallery-item-small\" itemprop=\"associatedMedia\" itemscope itemtype=\"http:\/\/schema.org\/ImageObject\"> <a href=\"https:\/\/itayachtscanada.com\/fr\/listing\/sunseeker-95-yacht-2023-9499000-usd-for-sale\/screenshot-3795\/\" border=\"0\" itemprop=\"url\"> <meta itemprop=\"width\" content=\"229\"> <meta itemprop=\"height\" content=\"150\"> <img decoding=\"async\" class=\"\" data-attachment-id=\"165521\" data-orig-file=\"https:\/\/itayachtscanada.com\/wp-content\/uploads\/2024\/06\/Capture-decran-le-2024-06-08-a-13.12.54.jpg\" data-orig-size=\"1912,1256\" data-comments-opened=\"1\" data-image-meta=\"{&quot;aperture&quot;:&quot;0&quot;,&quot;credit&quot;:&quot;&quot;,&quot;camera&quot;:&quot;&quot;,&quot;caption&quot;:&quot;Screenshot&quot;,&quot;created_timestamp&quot;:&quot;0&quot;,&quot;copyright&quot;:&quot;&quot;,&quot;focal_length&quot;:&quot;0&quot;,&quot;iso&quot;:&quot;0&quot;,&quot;shutter_speed&quot;:&quot;0&quot;,&quot;title&quot;:&quot;Screenshot&quot;,&quot;orientation&quot;:&quot;1&quot;}\" data-image-title=\"Screenshot\" data-image-description=\"\" data-medium-file=\"https:\/\/i0.wp.com\/itayachtscanada.com\/wp-content\/uploads\/2024\/06\/Capture-decran-le-2024-06-08-a-13.12.54.jpg?fit=300%2C197&#038;ssl=1\" data-large-file=\"https:\/\/i0.wp.com\/itayachtscanada.com\/wp-content\/uploads\/2024\/06\/Capture-decran-le-2024-06-08-a-13.12.54.jpg?fit=700%2C460&#038;ssl=1\" src=\"https:\/\/i0.wp.com\/itayachtscanada.com\/wp-content\/uploads\/2024\/06\/Capture-decran-le-2024-06-08-a-13.12.54.jpg?w=229&#038;h=150&#038;ssl=1\" srcset=\"https:\/\/i0.wp.com\/itayachtscanada.com\/wp-content\/uploads\/2024\/06\/Capture-decran-le-2024-06-08-a-13.12.54.jpg?w=1912&amp;ssl=1 1912w, https:\/\/i0.wp.com\/itayachtscanada.com\/wp-content\/uploads\/2024\/06\/Capture-decran-le-2024-06-08-a-13.12.54.jpg?resize=300%2C197&amp;ssl=1 300w, https:\/\/i0.wp.com\/itayachtscanada.com\/wp-content\/uploads\/2024\/06\/Capture-decran-le-2024-06-08-a-13.12.54.jpg?resize=1024%2C673&amp;ssl=1 1024w, https:\/\/i0.wp.com\/itayachtscanada.com\/wp-content\/uploads\/2024\/06\/Capture-decran-le-2024-06-08-a-13.12.54.jpg?resize=768%2C505&amp;ssl=1 768w, https:\/\/i0.wp.com\/itayachtscanada.com\/wp-content\/uploads\/2024\/06\/Capture-decran-le-2024-06-08-a-13.12.54.jpg?resize=1536%2C1009&amp;ssl=1 1536w, https:\/\/i0.wp.com\/itayachtscanada.com\/wp-content\/uploads\/2024\/06\/Capture-decran-le-2024-06-08-a-13.12.54.jpg?resize=1200%2C788&amp;ssl=1 1200w, https:\/\/i0.wp.com\/itayachtscanada.com\/wp-content\/uploads\/2024\/06\/Capture-decran-le-2024-06-08-a-13.12.54.jpg?resize=700%2C460&amp;ssl=1 700w, https:\/\/i0.wp.com\/itayachtscanada.com\/wp-content\/uploads\/2024\/06\/Capture-decran-le-2024-06-08-a-13.12.54.jpg?resize=609%2C400&amp;ssl=1 609w, https:\/\/i0.wp.com\/itayachtscanada.com\/wp-content\/uploads\/2024\/06\/Capture-decran-le-2024-06-08-a-13.12.54.jpg?w=1400&amp;ssl=1 1400w\" width=\"229\" height=\"150\" loading=\"lazy\" data-original-width=\"229\" data-original-height=\"150\" itemprop=\"http:\/\/schema.org\/image\" title=\"Screenshot\" alt=\"Screenshot\" style=\"width: 229px; height: 150px;\" \/> <\/a> <\/div> <div class=\"tiled-gallery-item tiled-gallery-item-small\" itemprop=\"associatedMedia\" itemscope itemtype=\"http:\/\/schema.org\/ImageObject\"> <a href=\"https:\/\/itayachtscanada.com\/fr\/listing\/sunseeker-95-yacht-2023-9499000-usd-for-sale\/screenshot-3797\/\" border=\"0\" itemprop=\"url\"> <meta itemprop=\"width\" content=\"229\"> <meta itemprop=\"height\" content=\"150\"> <img decoding=\"async\" class=\"\" data-attachment-id=\"165523\" data-orig-file=\"https:\/\/itayachtscanada.com\/wp-content\/uploads\/2024\/06\/Capture-decran-le-2024-06-08-a-13.12.32.jpg\" data-orig-size=\"1912,1256\" data-comments-opened=\"1\" data-image-meta=\"{&quot;aperture&quot;:&quot;0&quot;,&quot;credit&quot;:&quot;&quot;,&quot;camera&quot;:&quot;&quot;,&quot;caption&quot;:&quot;Screenshot&quot;,&quot;created_timestamp&quot;:&quot;0&quot;,&quot;copyright&quot;:&quot;&quot;,&quot;focal_length&quot;:&quot;0&quot;,&quot;iso&quot;:&quot;0&quot;,&quot;shutter_speed&quot;:&quot;0&quot;,&quot;title&quot;:&quot;Screenshot&quot;,&quot;orientation&quot;:&quot;1&quot;}\" data-image-title=\"Screenshot\" data-image-description=\"\" data-medium-file=\"https:\/\/i0.wp.com\/itayachtscanada.com\/wp-content\/uploads\/2024\/06\/Capture-decran-le-2024-06-08-a-13.12.32.jpg?fit=300%2C197&#038;ssl=1\" data-large-file=\"https:\/\/i0.wp.com\/itayachtscanada.com\/wp-content\/uploads\/2024\/06\/Capture-decran-le-2024-06-08-a-13.12.32.jpg?fit=700%2C460&#038;ssl=1\" src=\"https:\/\/i0.wp.com\/itayachtscanada.com\/wp-content\/uploads\/2024\/06\/Capture-decran-le-2024-06-08-a-13.12.32.jpg?w=229&#038;h=150&#038;ssl=1\" srcset=\"https:\/\/i0.wp.com\/itayachtscanada.com\/wp-content\/uploads\/2024\/06\/Capture-decran-le-2024-06-08-a-13.12.32.jpg?w=1912&amp;ssl=1 1912w, https:\/\/i0.wp.com\/itayachtscanada.com\/wp-content\/uploads\/2024\/06\/Capture-decran-le-2024-06-08-a-13.12.32.jpg?resize=300%2C197&amp;ssl=1 300w, https:\/\/i0.wp.com\/itayachtscanada.com\/wp-content\/uploads\/2024\/06\/Capture-decran-le-2024-06-08-a-13.12.32.jpg?resize=1024%2C673&amp;ssl=1 1024w, https:\/\/i0.wp.com\/itayachtscanada.com\/wp-content\/uploads\/2024\/06\/Capture-decran-le-2024-06-08-a-13.12.32.jpg?resize=768%2C505&amp;ssl=1 768w, https:\/\/i0.wp.com\/itayachtscanada.com\/wp-content\/uploads\/2024\/06\/Capture-decran-le-2024-06-08-a-13.12.32.jpg?resize=1536%2C1009&amp;ssl=1 1536w, https:\/\/i0.wp.com\/itayachtscanada.com\/wp-content\/uploads\/2024\/06\/Capture-decran-le-2024-06-08-a-13.12.32.jpg?resize=1200%2C788&amp;ssl=1 1200w, https:\/\/i0.wp.com\/itayachtscanada.com\/wp-content\/uploads\/2024\/06\/Capture-decran-le-2024-06-08-a-13.12.32.jpg?resize=700%2C460&amp;ssl=1 700w, https:\/\/i0.wp.com\/itayachtscanada.com\/wp-content\/uploads\/2024\/06\/Capture-decran-le-2024-06-08-a-13.12.32.jpg?resize=609%2C400&amp;ssl=1 609w, https:\/\/i0.wp.com\/itayachtscanada.com\/wp-content\/uploads\/2024\/06\/Capture-decran-le-2024-06-08-a-13.12.32.jpg?w=1400&amp;ssl=1 1400w\" width=\"229\" height=\"150\" loading=\"lazy\" data-original-width=\"229\" data-original-height=\"150\" itemprop=\"http:\/\/schema.org\/image\" title=\"Screenshot\" alt=\"Sunseeker 95 Yacht 2023\" style=\"width: 229px; height: 150px;\" \/> <\/a> <div class=\"tiled-gallery-caption\" itemprop=\"caption description\"> Sunseeker 95 Yacht 2023 <\/div> <\/div> <\/div> <!-- close group --> <\/div> <!-- close row --> <div class=\"gallery-row\" style=\"width: 700px; height: 155px;\" data-original-width=\"700\" data-original-height=\"155\" > <div class=\"gallery-group images-1\" style=\"width: 234px; height: 155px;\" data-original-width=\"234\" data-original-height=\"155\" > <div class=\"tiled-gallery-item tiled-gallery-item-small\" itemprop=\"associatedMedia\" itemscope itemtype=\"http:\/\/schema.org\/ImageObject\"> <a href=\"https:\/\/itayachtscanada.com\/fr\/listing\/sunseeker-95-yacht-2023-9499000-usd-for-sale\/screenshot-3798\/\" border=\"0\" itemprop=\"url\"> <meta itemprop=\"width\" content=\"230\"> <meta itemprop=\"height\" content=\"151\"> <img decoding=\"async\" class=\"\" data-attachment-id=\"165524\" data-orig-file=\"https:\/\/itayachtscanada.com\/wp-content\/uploads\/2024\/06\/Capture-decran-le-2024-06-08-a-13.12.27.jpg\" data-orig-size=\"1912,1256\" data-comments-opened=\"1\" data-image-meta=\"{&quot;aperture&quot;:&quot;0&quot;,&quot;credit&quot;:&quot;&quot;,&quot;camera&quot;:&quot;&quot;,&quot;caption&quot;:&quot;Screenshot&quot;,&quot;created_timestamp&quot;:&quot;0&quot;,&quot;copyright&quot;:&quot;&quot;,&quot;focal_length&quot;:&quot;0&quot;,&quot;iso&quot;:&quot;0&quot;,&quot;shutter_speed&quot;:&quot;0&quot;,&quot;title&quot;:&quot;Screenshot&quot;,&quot;orientation&quot;:&quot;1&quot;}\" data-image-title=\"Screenshot\" data-image-description=\"\" data-medium-file=\"https:\/\/i0.wp.com\/itayachtscanada.com\/wp-content\/uploads\/2024\/06\/Capture-decran-le-2024-06-08-a-13.12.27.jpg?fit=300%2C197&#038;ssl=1\" data-large-file=\"https:\/\/i0.wp.com\/itayachtscanada.com\/wp-content\/uploads\/2024\/06\/Capture-decran-le-2024-06-08-a-13.12.27.jpg?fit=700%2C460&#038;ssl=1\" src=\"https:\/\/i0.wp.com\/itayachtscanada.com\/wp-content\/uploads\/2024\/06\/Capture-decran-le-2024-06-08-a-13.12.27.jpg?w=230&#038;h=151&#038;ssl=1\" srcset=\"https:\/\/i0.wp.com\/itayachtscanada.com\/wp-content\/uploads\/2024\/06\/Capture-decran-le-2024-06-08-a-13.12.27.jpg?w=1912&amp;ssl=1 1912w, https:\/\/i0.wp.com\/itayachtscanada.com\/wp-content\/uploads\/2024\/06\/Capture-decran-le-2024-06-08-a-13.12.27.jpg?resize=300%2C197&amp;ssl=1 300w, https:\/\/i0.wp.com\/itayachtscanada.com\/wp-content\/uploads\/2024\/06\/Capture-decran-le-2024-06-08-a-13.12.27.jpg?resize=1024%2C673&amp;ssl=1 1024w, https:\/\/i0.wp.com\/itayachtscanada.com\/wp-content\/uploads\/2024\/06\/Capture-decran-le-2024-06-08-a-13.12.27.jpg?resize=768%2C505&amp;ssl=1 768w, https:\/\/i0.wp.com\/itayachtscanada.com\/wp-content\/uploads\/2024\/06\/Capture-decran-le-2024-06-08-a-13.12.27.jpg?resize=1536%2C1009&amp;ssl=1 1536w, https:\/\/i0.wp.com\/itayachtscanada.com\/wp-content\/uploads\/2024\/06\/Capture-decran-le-2024-06-08-a-13.12.27.jpg?resize=1200%2C788&amp;ssl=1 1200w, https:\/\/i0.wp.com\/itayachtscanada.com\/wp-content\/uploads\/2024\/06\/Capture-decran-le-2024-06-08-a-13.12.27.jpg?resize=700%2C460&amp;ssl=1 700w, https:\/\/i0.wp.com\/itayachtscanada.com\/wp-content\/uploads\/2024\/06\/Capture-decran-le-2024-06-08-a-13.12.27.jpg?resize=609%2C400&amp;ssl=1 609w, https:\/\/i0.wp.com\/itayachtscanada.com\/wp-content\/uploads\/2024\/06\/Capture-decran-le-2024-06-08-a-13.12.27.jpg?w=1400&amp;ssl=1 1400w\" width=\"230\" height=\"151\" loading=\"lazy\" data-original-width=\"230\" data-original-height=\"151\" itemprop=\"http:\/\/schema.org\/image\" title=\"Screenshot\" alt=\"Screenshot\" style=\"width: 230px; height: 151px;\" \/> <\/a> <\/div> <\/div> <!-- close group --> <div class=\"gallery-group images-1\" style=\"width: 233px; height: 155px;\" data-original-width=\"233\" data-original-height=\"155\" > <div class=\"tiled-gallery-item tiled-gallery-item-small\" itemprop=\"associatedMedia\" itemscope itemtype=\"http:\/\/schema.org\/ImageObject\"> <a href=\"https:\/\/itayachtscanada.com\/fr\/listing\/sunseeker-95-yacht-2023-9499000-usd-for-sale\/screenshot-3799\/\" border=\"0\" itemprop=\"url\"> <meta itemprop=\"width\" content=\"229\"> <meta itemprop=\"height\" content=\"151\"> <img decoding=\"async\" class=\"\" data-attachment-id=\"165525\" data-orig-file=\"https:\/\/itayachtscanada.com\/wp-content\/uploads\/2024\/06\/Capture-decran-le-2024-06-08-a-13.12.23.jpg\" data-orig-size=\"1912,1256\" data-comments-opened=\"1\" data-image-meta=\"{&quot;aperture&quot;:&quot;0&quot;,&quot;credit&quot;:&quot;&quot;,&quot;camera&quot;:&quot;&quot;,&quot;caption&quot;:&quot;Screenshot&quot;,&quot;created_timestamp&quot;:&quot;0&quot;,&quot;copyright&quot;:&quot;&quot;,&quot;focal_length&quot;:&quot;0&quot;,&quot;iso&quot;:&quot;0&quot;,&quot;shutter_speed&quot;:&quot;0&quot;,&quot;title&quot;:&quot;Screenshot&quot;,&quot;orientation&quot;:&quot;1&quot;}\" data-image-title=\"Screenshot\" data-image-description=\"\" data-medium-file=\"https:\/\/i0.wp.com\/itayachtscanada.com\/wp-content\/uploads\/2024\/06\/Capture-decran-le-2024-06-08-a-13.12.23.jpg?fit=300%2C197&#038;ssl=1\" data-large-file=\"https:\/\/i0.wp.com\/itayachtscanada.com\/wp-content\/uploads\/2024\/06\/Capture-decran-le-2024-06-08-a-13.12.23.jpg?fit=700%2C460&#038;ssl=1\" src=\"https:\/\/i0.wp.com\/itayachtscanada.com\/wp-content\/uploads\/2024\/06\/Capture-decran-le-2024-06-08-a-13.12.23.jpg?w=229&#038;h=151&#038;ssl=1\" srcset=\"https:\/\/i0.wp.com\/itayachtscanada.com\/wp-content\/uploads\/2024\/06\/Capture-decran-le-2024-06-08-a-13.12.23.jpg?w=1912&amp;ssl=1 1912w, https:\/\/i0.wp.com\/itayachtscanada.com\/wp-content\/uploads\/2024\/06\/Capture-decran-le-2024-06-08-a-13.12.23.jpg?resize=300%2C197&amp;ssl=1 300w, https:\/\/i0.wp.com\/itayachtscanada.com\/wp-content\/uploads\/2024\/06\/Capture-decran-le-2024-06-08-a-13.12.23.jpg?resize=1024%2C673&amp;ssl=1 1024w, https:\/\/i0.wp.com\/itayachtscanada.com\/wp-content\/uploads\/2024\/06\/Capture-decran-le-2024-06-08-a-13.12.23.jpg?resize=768%2C505&amp;ssl=1 768w, https:\/\/i0.wp.com\/itayachtscanada.com\/wp-content\/uploads\/2024\/06\/Capture-decran-le-2024-06-08-a-13.12.23.jpg?resize=1536%2C1009&amp;ssl=1 1536w, https:\/\/i0.wp.com\/itayachtscanada.com\/wp-content\/uploads\/2024\/06\/Capture-decran-le-2024-06-08-a-13.12.23.jpg?resize=1200%2C788&amp;ssl=1 1200w, https:\/\/i0.wp.com\/itayachtscanada.com\/wp-content\/uploads\/2024\/06\/Capture-decran-le-2024-06-08-a-13.12.23.jpg?resize=700%2C460&amp;ssl=1 700w, https:\/\/i0.wp.com\/itayachtscanada.com\/wp-content\/uploads\/2024\/06\/Capture-decran-le-2024-06-08-a-13.12.23.jpg?resize=609%2C400&amp;ssl=1 609w, https:\/\/i0.wp.com\/itayachtscanada.com\/wp-content\/uploads\/2024\/06\/Capture-decran-le-2024-06-08-a-13.12.23.jpg?w=1400&amp;ssl=1 1400w\" width=\"229\" height=\"151\" loading=\"lazy\" data-original-width=\"229\" data-original-height=\"151\" itemprop=\"http:\/\/schema.org\/image\" title=\"Screenshot\" alt=\"Screenshot\" style=\"width: 229px; height: 151px;\" \/> <\/a> <\/div> <\/div> <!-- close group --> <div class=\"gallery-group images-1\" style=\"width: 233px; height: 155px;\" data-original-width=\"233\" data-original-height=\"155\" > <div class=\"tiled-gallery-item tiled-gallery-item-small\" itemprop=\"associatedMedia\" itemscope itemtype=\"http:\/\/schema.org\/ImageObject\"> <a href=\"https:\/\/itayachtscanada.com\/fr\/listing\/sunseeker-95-yacht-2023-9499000-usd-for-sale\/screenshot-3800\/\" border=\"0\" itemprop=\"url\"> <meta itemprop=\"width\" content=\"229\"> <meta itemprop=\"height\" content=\"151\"> <img decoding=\"async\" class=\"\" data-attachment-id=\"165526\" data-orig-file=\"https:\/\/itayachtscanada.com\/wp-content\/uploads\/2024\/06\/Capture-decran-le-2024-06-08-a-13.12.18.jpg\" data-orig-size=\"1912,1256\" data-comments-opened=\"1\" data-image-meta=\"{&quot;aperture&quot;:&quot;0&quot;,&quot;credit&quot;:&quot;&quot;,&quot;camera&quot;:&quot;&quot;,&quot;caption&quot;:&quot;Screenshot&quot;,&quot;created_timestamp&quot;:&quot;0&quot;,&quot;copyright&quot;:&quot;&quot;,&quot;focal_length&quot;:&quot;0&quot;,&quot;iso&quot;:&quot;0&quot;,&quot;shutter_speed&quot;:&quot;0&quot;,&quot;title&quot;:&quot;Screenshot&quot;,&quot;orientation&quot;:&quot;1&quot;}\" data-image-title=\"Screenshot\" data-image-description=\"\" data-medium-file=\"https:\/\/i0.wp.com\/itayachtscanada.com\/wp-content\/uploads\/2024\/06\/Capture-decran-le-2024-06-08-a-13.12.18.jpg?fit=300%2C197&#038;ssl=1\" data-large-file=\"https:\/\/i0.wp.com\/itayachtscanada.com\/wp-content\/uploads\/2024\/06\/Capture-decran-le-2024-06-08-a-13.12.18.jpg?fit=700%2C460&#038;ssl=1\" src=\"https:\/\/i0.wp.com\/itayachtscanada.com\/wp-content\/uploads\/2024\/06\/Capture-decran-le-2024-06-08-a-13.12.18.jpg?w=229&#038;h=151&#038;ssl=1\" srcset=\"https:\/\/i0.wp.com\/itayachtscanada.com\/wp-content\/uploads\/2024\/06\/Capture-decran-le-2024-06-08-a-13.12.18.jpg?w=1912&amp;ssl=1 1912w, https:\/\/i0.wp.com\/itayachtscanada.com\/wp-content\/uploads\/2024\/06\/Capture-decran-le-2024-06-08-a-13.12.18.jpg?resize=300%2C197&amp;ssl=1 300w, https:\/\/i0.wp.com\/itayachtscanada.com\/wp-content\/uploads\/2024\/06\/Capture-decran-le-2024-06-08-a-13.12.18.jpg?resize=1024%2C673&amp;ssl=1 1024w, https:\/\/i0.wp.com\/itayachtscanada.com\/wp-content\/uploads\/2024\/06\/Capture-decran-le-2024-06-08-a-13.12.18.jpg?resize=768%2C505&amp;ssl=1 768w, https:\/\/i0.wp.com\/itayachtscanada.com\/wp-content\/uploads\/2024\/06\/Capture-decran-le-2024-06-08-a-13.12.18.jpg?resize=1536%2C1009&amp;ssl=1 1536w, https:\/\/i0.wp.com\/itayachtscanada.com\/wp-content\/uploads\/2024\/06\/Capture-decran-le-2024-06-08-a-13.12.18.jpg?resize=1200%2C788&amp;ssl=1 1200w, https:\/\/i0.wp.com\/itayachtscanada.com\/wp-content\/uploads\/2024\/06\/Capture-decran-le-2024-06-08-a-13.12.18.jpg?resize=700%2C460&amp;ssl=1 700w, https:\/\/i0.wp.com\/itayachtscanada.com\/wp-content\/uploads\/2024\/06\/Capture-decran-le-2024-06-08-a-13.12.18.jpg?resize=609%2C400&amp;ssl=1 609w, https:\/\/i0.wp.com\/itayachtscanada.com\/wp-content\/uploads\/2024\/06\/Capture-decran-le-2024-06-08-a-13.12.18.jpg?w=1400&amp;ssl=1 1400w\" width=\"229\" height=\"151\" loading=\"lazy\" data-original-width=\"229\" data-original-height=\"151\" itemprop=\"http:\/\/schema.org\/image\" title=\"Screenshot\" alt=\"Screenshot\" style=\"width: 229px; height: 151px;\" \/> <\/a> <\/div> <\/div> <!-- close group --> <\/div> <!-- close row --> <div class=\"gallery-row\" style=\"width: 700px; height: 312px;\" data-original-width=\"700\" data-original-height=\"312\" > <div class=\"gallery-group images-2\" style=\"width: 234px; height: 312px;\" data-original-width=\"234\" data-original-height=\"312\" > <div class=\"tiled-gallery-item tiled-gallery-item-small\" itemprop=\"associatedMedia\" itemscope itemtype=\"http:\/\/schema.org\/ImageObject\"> <a href=\"https:\/\/itayachtscanada.com\/fr\/listing\/sunseeker-95-yacht-2023-9499000-usd-for-sale\/screenshot-3801\/\" border=\"0\" itemprop=\"url\"> <meta itemprop=\"width\" content=\"230\"> <meta itemprop=\"height\" content=\"151\"> <img decoding=\"async\" class=\"\" data-attachment-id=\"165527\" data-orig-file=\"https:\/\/itayachtscanada.com\/wp-content\/uploads\/2024\/06\/Capture-decran-le-2024-06-08-a-13.11.46.jpg\" data-orig-size=\"1912,1256\" data-comments-opened=\"1\" data-image-meta=\"{&quot;aperture&quot;:&quot;0&quot;,&quot;credit&quot;:&quot;&quot;,&quot;camera&quot;:&quot;&quot;,&quot;caption&quot;:&quot;Screenshot&quot;,&quot;created_timestamp&quot;:&quot;0&quot;,&quot;copyright&quot;:&quot;&quot;,&quot;focal_length&quot;:&quot;0&quot;,&quot;iso&quot;:&quot;0&quot;,&quot;shutter_speed&quot;:&quot;0&quot;,&quot;title&quot;:&quot;Screenshot&quot;,&quot;orientation&quot;:&quot;1&quot;}\" data-image-title=\"Screenshot\" data-image-description=\"\" data-medium-file=\"https:\/\/i0.wp.com\/itayachtscanada.com\/wp-content\/uploads\/2024\/06\/Capture-decran-le-2024-06-08-a-13.11.46.jpg?fit=300%2C197&#038;ssl=1\" data-large-file=\"https:\/\/i0.wp.com\/itayachtscanada.com\/wp-content\/uploads\/2024\/06\/Capture-decran-le-2024-06-08-a-13.11.46.jpg?fit=700%2C460&#038;ssl=1\" src=\"https:\/\/i0.wp.com\/itayachtscanada.com\/wp-content\/uploads\/2024\/06\/Capture-decran-le-2024-06-08-a-13.11.46.jpg?w=230&#038;h=151&#038;ssl=1\" srcset=\"https:\/\/i0.wp.com\/itayachtscanada.com\/wp-content\/uploads\/2024\/06\/Capture-decran-le-2024-06-08-a-13.11.46.jpg?w=1912&amp;ssl=1 1912w, https:\/\/i0.wp.com\/itayachtscanada.com\/wp-content\/uploads\/2024\/06\/Capture-decran-le-2024-06-08-a-13.11.46.jpg?resize=300%2C197&amp;ssl=1 300w, https:\/\/i0.wp.com\/itayachtscanada.com\/wp-content\/uploads\/2024\/06\/Capture-decran-le-2024-06-08-a-13.11.46.jpg?resize=1024%2C673&amp;ssl=1 1024w, https:\/\/i0.wp.com\/itayachtscanada.com\/wp-content\/uploads\/2024\/06\/Capture-decran-le-2024-06-08-a-13.11.46.jpg?resize=768%2C505&amp;ssl=1 768w, https:\/\/i0.wp.com\/itayachtscanada.com\/wp-content\/uploads\/2024\/06\/Capture-decran-le-2024-06-08-a-13.11.46.jpg?resize=1536%2C1009&amp;ssl=1 1536w, https:\/\/i0.wp.com\/itayachtscanada.com\/wp-content\/uploads\/2024\/06\/Capture-decran-le-2024-06-08-a-13.11.46.jpg?resize=1200%2C788&amp;ssl=1 1200w, https:\/\/i0.wp.com\/itayachtscanada.com\/wp-content\/uploads\/2024\/06\/Capture-decran-le-2024-06-08-a-13.11.46.jpg?resize=700%2C460&amp;ssl=1 700w, https:\/\/i0.wp.com\/itayachtscanada.com\/wp-content\/uploads\/2024\/06\/Capture-decran-le-2024-06-08-a-13.11.46.jpg?resize=609%2C400&amp;ssl=1 609w, https:\/\/i0.wp.com\/itayachtscanada.com\/wp-content\/uploads\/2024\/06\/Capture-decran-le-2024-06-08-a-13.11.46.jpg?w=1400&amp;ssl=1 1400w\" width=\"230\" height=\"151\" loading=\"lazy\" data-original-width=\"230\" data-original-height=\"151\" itemprop=\"http:\/\/schema.org\/image\" title=\"Screenshot\" alt=\"Screenshot\" style=\"width: 230px; height: 151px;\" \/> <\/a> <\/div> <div class=\"tiled-gallery-item tiled-gallery-item-small\" itemprop=\"associatedMedia\" itemscope itemtype=\"http:\/\/schema.org\/ImageObject\"> <a href=\"https:\/\/itayachtscanada.com\/fr\/listing\/sunseeker-95-yacht-2023-9499000-usd-for-sale\/screenshot-3832\/\" border=\"0\" itemprop=\"url\"> <meta itemprop=\"width\" content=\"230\"> <meta itemprop=\"height\" content=\"153\"> <img decoding=\"async\" class=\"\" data-attachment-id=\"165558\" data-orig-file=\"https:\/\/itayachtscanada.com\/wp-content\/uploads\/2024\/06\/Capture-decran-le-2024-06-08-a-13.08.18.jpg\" data-orig-size=\"1660,1104\" data-comments-opened=\"1\" data-image-meta=\"{&quot;aperture&quot;:&quot;0&quot;,&quot;credit&quot;:&quot;&quot;,&quot;camera&quot;:&quot;&quot;,&quot;caption&quot;:&quot;Screenshot&quot;,&quot;created_timestamp&quot;:&quot;0&quot;,&quot;copyright&quot;:&quot;&quot;,&quot;focal_length&quot;:&quot;0&quot;,&quot;iso&quot;:&quot;0&quot;,&quot;shutter_speed&quot;:&quot;0&quot;,&quot;title&quot;:&quot;Screenshot&quot;,&quot;orientation&quot;:&quot;1&quot;}\" data-image-title=\"Screenshot\" data-image-description=\"\" data-medium-file=\"https:\/\/i0.wp.com\/itayachtscanada.com\/wp-content\/uploads\/2024\/06\/Capture-decran-le-2024-06-08-a-13.08.18.jpg?fit=300%2C200&#038;ssl=1\" data-large-file=\"https:\/\/i0.wp.com\/itayachtscanada.com\/wp-content\/uploads\/2024\/06\/Capture-decran-le-2024-06-08-a-13.08.18.jpg?fit=700%2C466&#038;ssl=1\" src=\"https:\/\/i0.wp.com\/itayachtscanada.com\/wp-content\/uploads\/2024\/06\/Capture-decran-le-2024-06-08-a-13.08.18.jpg?w=230&#038;h=153&#038;ssl=1\" srcset=\"https:\/\/i0.wp.com\/itayachtscanada.com\/wp-content\/uploads\/2024\/06\/Capture-decran-le-2024-06-08-a-13.08.18.jpg?w=1660&amp;ssl=1 1660w, https:\/\/i0.wp.com\/itayachtscanada.com\/wp-content\/uploads\/2024\/06\/Capture-decran-le-2024-06-08-a-13.08.18.jpg?resize=300%2C200&amp;ssl=1 300w, https:\/\/i0.wp.com\/itayachtscanada.com\/wp-content\/uploads\/2024\/06\/Capture-decran-le-2024-06-08-a-13.08.18.jpg?resize=1024%2C681&amp;ssl=1 1024w, https:\/\/i0.wp.com\/itayachtscanada.com\/wp-content\/uploads\/2024\/06\/Capture-decran-le-2024-06-08-a-13.08.18.jpg?resize=768%2C511&amp;ssl=1 768w, https:\/\/i0.wp.com\/itayachtscanada.com\/wp-content\/uploads\/2024\/06\/Capture-decran-le-2024-06-08-a-13.08.18.jpg?resize=1536%2C1022&amp;ssl=1 1536w, https:\/\/i0.wp.com\/itayachtscanada.com\/wp-content\/uploads\/2024\/06\/Capture-decran-le-2024-06-08-a-13.08.18.jpg?resize=1200%2C798&amp;ssl=1 1200w, https:\/\/i0.wp.com\/itayachtscanada.com\/wp-content\/uploads\/2024\/06\/Capture-decran-le-2024-06-08-a-13.08.18.jpg?resize=700%2C466&amp;ssl=1 700w, https:\/\/i0.wp.com\/itayachtscanada.com\/wp-content\/uploads\/2024\/06\/Capture-decran-le-2024-06-08-a-13.08.18.jpg?resize=900%2C600&amp;ssl=1 900w, https:\/\/i0.wp.com\/itayachtscanada.com\/wp-content\/uploads\/2024\/06\/Capture-decran-le-2024-06-08-a-13.08.18.jpg?resize=601%2C400&amp;ssl=1 601w, https:\/\/i0.wp.com\/itayachtscanada.com\/wp-content\/uploads\/2024\/06\/Capture-decran-le-2024-06-08-a-13.08.18.jpg?w=1400&amp;ssl=1 1400w\" width=\"230\" height=\"153\" loading=\"lazy\" data-original-width=\"230\" data-original-height=\"153\" itemprop=\"http:\/\/schema.org\/image\" title=\"Screenshot\" alt=\"Screenshot\" style=\"width: 230px; height: 153px;\" \/> <\/a> <\/div> <\/div> <!-- close group --> <div class=\"gallery-group images-1\" style=\"width: 466px; height: 312px;\" data-original-width=\"466\" data-original-height=\"312\" > <div class=\"tiled-gallery-item tiled-gallery-item-large\" itemprop=\"associatedMedia\" itemscope itemtype=\"http:\/\/schema.org\/ImageObject\"> <a href=\"https:\/\/itayachtscanada.com\/fr\/listing\/sunseeker-95-yacht-2023-9499000-usd-for-sale\/screenshot-3831\/\" border=\"0\" itemprop=\"url\"> <meta itemprop=\"width\" content=\"462\"> <meta itemprop=\"height\" content=\"308\"> <img decoding=\"async\" class=\"\" data-attachment-id=\"165557\" data-orig-file=\"https:\/\/itayachtscanada.com\/wp-content\/uploads\/2024\/06\/Capture-decran-le-2024-06-08-a-13.08.31.jpg\" data-orig-size=\"1660,1104\" data-comments-opened=\"1\" data-image-meta=\"{&quot;aperture&quot;:&quot;0&quot;,&quot;credit&quot;:&quot;&quot;,&quot;camera&quot;:&quot;&quot;,&quot;caption&quot;:&quot;Screenshot&quot;,&quot;created_timestamp&quot;:&quot;0&quot;,&quot;copyright&quot;:&quot;&quot;,&quot;focal_length&quot;:&quot;0&quot;,&quot;iso&quot;:&quot;0&quot;,&quot;shutter_speed&quot;:&quot;0&quot;,&quot;title&quot;:&quot;Screenshot&quot;,&quot;orientation&quot;:&quot;1&quot;}\" data-image-title=\"Screenshot\" data-image-description=\"\" data-medium-file=\"https:\/\/i0.wp.com\/itayachtscanada.com\/wp-content\/uploads\/2024\/06\/Capture-decran-le-2024-06-08-a-13.08.31.jpg?fit=300%2C200&#038;ssl=1\" data-large-file=\"https:\/\/i0.wp.com\/itayachtscanada.com\/wp-content\/uploads\/2024\/06\/Capture-decran-le-2024-06-08-a-13.08.31.jpg?fit=700%2C466&#038;ssl=1\" src=\"https:\/\/i0.wp.com\/itayachtscanada.com\/wp-content\/uploads\/2024\/06\/Capture-decran-le-2024-06-08-a-13.08.31.jpg?w=462&#038;h=308&#038;ssl=1\" srcset=\"https:\/\/i0.wp.com\/itayachtscanada.com\/wp-content\/uploads\/2024\/06\/Capture-decran-le-2024-06-08-a-13.08.31.jpg?w=1660&amp;ssl=1 1660w, https:\/\/i0.wp.com\/itayachtscanada.com\/wp-content\/uploads\/2024\/06\/Capture-decran-le-2024-06-08-a-13.08.31.jpg?resize=300%2C200&amp;ssl=1 300w, https:\/\/i0.wp.com\/itayachtscanada.com\/wp-content\/uploads\/2024\/06\/Capture-decran-le-2024-06-08-a-13.08.31.jpg?resize=1024%2C681&amp;ssl=1 1024w, https:\/\/i0.wp.com\/itayachtscanada.com\/wp-content\/uploads\/2024\/06\/Capture-decran-le-2024-06-08-a-13.08.31.jpg?resize=768%2C511&amp;ssl=1 768w, https:\/\/i0.wp.com\/itayachtscanada.com\/wp-content\/uploads\/2024\/06\/Capture-decran-le-2024-06-08-a-13.08.31.jpg?resize=1536%2C1022&amp;ssl=1 1536w, https:\/\/i0.wp.com\/itayachtscanada.com\/wp-content\/uploads\/2024\/06\/Capture-decran-le-2024-06-08-a-13.08.31.jpg?resize=1200%2C798&amp;ssl=1 1200w, https:\/\/i0.wp.com\/itayachtscanada.com\/wp-content\/uploads\/2024\/06\/Capture-decran-le-2024-06-08-a-13.08.31.jpg?resize=700%2C466&amp;ssl=1 700w, https:\/\/i0.wp.com\/itayachtscanada.com\/wp-content\/uploads\/2024\/06\/Capture-decran-le-2024-06-08-a-13.08.31.jpg?resize=900%2C600&amp;ssl=1 900w, https:\/\/i0.wp.com\/itayachtscanada.com\/wp-content\/uploads\/2024\/06\/Capture-decran-le-2024-06-08-a-13.08.31.jpg?resize=601%2C400&amp;ssl=1 601w, https:\/\/i0.wp.com\/itayachtscanada.com\/wp-content\/uploads\/2024\/06\/Capture-decran-le-2024-06-08-a-13.08.31.jpg?w=1400&amp;ssl=1 1400w\" width=\"462\" height=\"308\" loading=\"lazy\" data-original-width=\"462\" data-original-height=\"308\" itemprop=\"http:\/\/schema.org\/image\" title=\"Screenshot\" alt=\"Screenshot\" style=\"width: 462px; height: 308px;\" \/> <\/a> <\/div> <\/div> <!-- close group --> <\/div> <!-- close row --> <div class=\"gallery-row\" style=\"width: 700px; height: 231px;\" data-original-width=\"700\" data-original-height=\"231\" > <div class=\"gallery-group images-1\" style=\"width: 350px; height: 231px;\" data-original-width=\"350\" data-original-height=\"231\" > <div class=\"tiled-gallery-item tiled-gallery-item-large\" itemprop=\"associatedMedia\" itemscope itemtype=\"http:\/\/schema.org\/ImageObject\"> <a href=\"https:\/\/itayachtscanada.com\/fr\/listing\/sunseeker-95-yacht-2023-9499000-usd-for-sale\/screenshot-3820\/\" border=\"0\" itemprop=\"url\"> <meta itemprop=\"width\" content=\"346\"> <meta itemprop=\"height\" content=\"227\"> <img decoding=\"async\" class=\"\" data-attachment-id=\"165546\" data-orig-file=\"https:\/\/itayachtscanada.com\/wp-content\/uploads\/2024\/06\/Capture-decran-le-2024-06-08-a-13.09.42.jpg\" data-orig-size=\"1912,1256\" data-comments-opened=\"1\" data-image-meta=\"{&quot;aperture&quot;:&quot;0&quot;,&quot;credit&quot;:&quot;&quot;,&quot;camera&quot;:&quot;&quot;,&quot;caption&quot;:&quot;Screenshot&quot;,&quot;created_timestamp&quot;:&quot;0&quot;,&quot;copyright&quot;:&quot;&quot;,&quot;focal_length&quot;:&quot;0&quot;,&quot;iso&quot;:&quot;0&quot;,&quot;shutter_speed&quot;:&quot;0&quot;,&quot;title&quot;:&quot;Screenshot&quot;,&quot;orientation&quot;:&quot;1&quot;}\" data-image-title=\"Screenshot\" data-image-description=\"\" data-medium-file=\"https:\/\/i0.wp.com\/itayachtscanada.com\/wp-content\/uploads\/2024\/06\/Capture-decran-le-2024-06-08-a-13.09.42.jpg?fit=300%2C197&#038;ssl=1\" data-large-file=\"https:\/\/i0.wp.com\/itayachtscanada.com\/wp-content\/uploads\/2024\/06\/Capture-decran-le-2024-06-08-a-13.09.42.jpg?fit=700%2C460&#038;ssl=1\" src=\"https:\/\/i0.wp.com\/itayachtscanada.com\/wp-content\/uploads\/2024\/06\/Capture-decran-le-2024-06-08-a-13.09.42.jpg?w=346&#038;h=227&#038;ssl=1\" srcset=\"https:\/\/i0.wp.com\/itayachtscanada.com\/wp-content\/uploads\/2024\/06\/Capture-decran-le-2024-06-08-a-13.09.42.jpg?w=1912&amp;ssl=1 1912w, https:\/\/i0.wp.com\/itayachtscanada.com\/wp-content\/uploads\/2024\/06\/Capture-decran-le-2024-06-08-a-13.09.42.jpg?resize=300%2C197&amp;ssl=1 300w, https:\/\/i0.wp.com\/itayachtscanada.com\/wp-content\/uploads\/2024\/06\/Capture-decran-le-2024-06-08-a-13.09.42.jpg?resize=1024%2C673&amp;ssl=1 1024w, https:\/\/i0.wp.com\/itayachtscanada.com\/wp-content\/uploads\/2024\/06\/Capture-decran-le-2024-06-08-a-13.09.42.jpg?resize=768%2C505&amp;ssl=1 768w, https:\/\/i0.wp.com\/itayachtscanada.com\/wp-content\/uploads\/2024\/06\/Capture-decran-le-2024-06-08-a-13.09.42.jpg?resize=1536%2C1009&amp;ssl=1 1536w, https:\/\/i0.wp.com\/itayachtscanada.com\/wp-content\/uploads\/2024\/06\/Capture-decran-le-2024-06-08-a-13.09.42.jpg?resize=1200%2C788&amp;ssl=1 1200w, https:\/\/i0.wp.com\/itayachtscanada.com\/wp-content\/uploads\/2024\/06\/Capture-decran-le-2024-06-08-a-13.09.42.jpg?resize=700%2C460&amp;ssl=1 700w, https:\/\/i0.wp.com\/itayachtscanada.com\/wp-content\/uploads\/2024\/06\/Capture-decran-le-2024-06-08-a-13.09.42.jpg?resize=609%2C400&amp;ssl=1 609w, https:\/\/i0.wp.com\/itayachtscanada.com\/wp-content\/uploads\/2024\/06\/Capture-decran-le-2024-06-08-a-13.09.42.jpg?w=1400&amp;ssl=1 1400w\" width=\"346\" height=\"227\" loading=\"lazy\" data-original-width=\"346\" data-original-height=\"227\" itemprop=\"http:\/\/schema.org\/image\" title=\"Screenshot\" alt=\"Screenshot\" style=\"width: 346px; height: 227px;\" \/> <\/a> <\/div> <\/div> <!-- close group --> <div class=\"gallery-group images-1\" style=\"width: 350px; height: 231px;\" data-original-width=\"350\" data-original-height=\"231\" > <div class=\"tiled-gallery-item tiled-gallery-item-large\" itemprop=\"associatedMedia\" itemscope itemtype=\"http:\/\/schema.org\/ImageObject\"> <a href=\"https:\/\/itayachtscanada.com\/fr\/listing\/sunseeker-95-yacht-2023-9499000-usd-for-sale\/screenshot-3821\/\" border=\"0\" itemprop=\"url\"> <meta itemprop=\"width\" content=\"346\"> <meta itemprop=\"height\" content=\"227\"> <img decoding=\"async\" class=\"\" data-attachment-id=\"165547\" data-orig-file=\"https:\/\/itayachtscanada.com\/wp-content\/uploads\/2024\/06\/Capture-decran-le-2024-06-08-a-13.09.38.jpg\" data-orig-size=\"1912,1256\" data-comments-opened=\"1\" data-image-meta=\"{&quot;aperture&quot;:&quot;0&quot;,&quot;credit&quot;:&quot;&quot;,&quot;camera&quot;:&quot;&quot;,&quot;caption&quot;:&quot;Screenshot&quot;,&quot;created_timestamp&quot;:&quot;0&quot;,&quot;copyright&quot;:&quot;&quot;,&quot;focal_length&quot;:&quot;0&quot;,&quot;iso&quot;:&quot;0&quot;,&quot;shutter_speed&quot;:&quot;0&quot;,&quot;title&quot;:&quot;Screenshot&quot;,&quot;orientation&quot;:&quot;1&quot;}\" data-image-title=\"Screenshot\" data-image-description=\"\" data-medium-file=\"https:\/\/i0.wp.com\/itayachtscanada.com\/wp-content\/uploads\/2024\/06\/Capture-decran-le-2024-06-08-a-13.09.38.jpg?fit=300%2C197&#038;ssl=1\" data-large-file=\"https:\/\/i0.wp.com\/itayachtscanada.com\/wp-content\/uploads\/2024\/06\/Capture-decran-le-2024-06-08-a-13.09.38.jpg?fit=700%2C460&#038;ssl=1\" src=\"https:\/\/i0.wp.com\/itayachtscanada.com\/wp-content\/uploads\/2024\/06\/Capture-decran-le-2024-06-08-a-13.09.38.jpg?w=346&#038;h=227&#038;ssl=1\" srcset=\"https:\/\/i0.wp.com\/itayachtscanada.com\/wp-content\/uploads\/2024\/06\/Capture-decran-le-2024-06-08-a-13.09.38.jpg?w=1912&amp;ssl=1 1912w, https:\/\/i0.wp.com\/itayachtscanada.com\/wp-content\/uploads\/2024\/06\/Capture-decran-le-2024-06-08-a-13.09.38.jpg?resize=300%2C197&amp;ssl=1 300w, https:\/\/i0.wp.com\/itayachtscanada.com\/wp-content\/uploads\/2024\/06\/Capture-decran-le-2024-06-08-a-13.09.38.jpg?resize=1024%2C673&amp;ssl=1 1024w, https:\/\/i0.wp.com\/itayachtscanada.com\/wp-content\/uploads\/2024\/06\/Capture-decran-le-2024-06-08-a-13.09.38.jpg?resize=768%2C505&amp;ssl=1 768w, https:\/\/i0.wp.com\/itayachtscanada.com\/wp-content\/uploads\/2024\/06\/Capture-decran-le-2024-06-08-a-13.09.38.jpg?resize=1536%2C1009&amp;ssl=1 1536w, https:\/\/i0.wp.com\/itayachtscanada.com\/wp-content\/uploads\/2024\/06\/Capture-decran-le-2024-06-08-a-13.09.38.jpg?resize=1200%2C788&amp;ssl=1 1200w, https:\/\/i0.wp.com\/itayachtscanada.com\/wp-content\/uploads\/2024\/06\/Capture-decran-le-2024-06-08-a-13.09.38.jpg?resize=700%2C460&amp;ssl=1 700w, https:\/\/i0.wp.com\/itayachtscanada.com\/wp-content\/uploads\/2024\/06\/Capture-decran-le-2024-06-08-a-13.09.38.jpg?resize=609%2C400&amp;ssl=1 609w, https:\/\/i0.wp.com\/itayachtscanada.com\/wp-content\/uploads\/2024\/06\/Capture-decran-le-2024-06-08-a-13.09.38.jpg?w=1400&amp;ssl=1 1400w\" width=\"346\" height=\"227\" loading=\"lazy\" data-original-width=\"346\" data-original-height=\"227\" itemprop=\"http:\/\/schema.org\/image\" title=\"Screenshot\" alt=\"Sunseeker 95 Yacht 2023\" style=\"width: 346px; height: 227px;\" \/> <\/a> <div class=\"tiled-gallery-caption\" itemprop=\"caption description\"> Sunseeker 95 Yacht 2023 <\/div> <\/div> <\/div> <!-- close group --> <\/div> <!-- close row --> <div class=\"gallery-row\" style=\"width: 700px; height: 308px;\" data-original-width=\"700\" data-original-height=\"308\" > <div class=\"gallery-group images-1\" style=\"width: 467px; height: 308px;\" data-original-width=\"467\" data-original-height=\"308\" > <div class=\"tiled-gallery-item tiled-gallery-item-large\" itemprop=\"associatedMedia\" itemscope itemtype=\"http:\/\/schema.org\/ImageObject\"> <a href=\"https:\/\/itayachtscanada.com\/fr\/listing\/sunseeker-95-yacht-2023-9499000-usd-for-sale\/screenshot-3822\/\" border=\"0\" itemprop=\"url\"> <meta itemprop=\"width\" content=\"463\"> <meta itemprop=\"height\" content=\"304\"> <img decoding=\"async\" class=\"\" data-attachment-id=\"165548\" data-orig-file=\"https:\/\/itayachtscanada.com\/wp-content\/uploads\/2024\/06\/Capture-decran-le-2024-06-08-a-13.09.34.jpg\" data-orig-size=\"1912,1256\" data-comments-opened=\"1\" data-image-meta=\"{&quot;aperture&quot;:&quot;0&quot;,&quot;credit&quot;:&quot;&quot;,&quot;camera&quot;:&quot;&quot;,&quot;caption&quot;:&quot;Screenshot&quot;,&quot;created_timestamp&quot;:&quot;0&quot;,&quot;copyright&quot;:&quot;&quot;,&quot;focal_length&quot;:&quot;0&quot;,&quot;iso&quot;:&quot;0&quot;,&quot;shutter_speed&quot;:&quot;0&quot;,&quot;title&quot;:&quot;Screenshot&quot;,&quot;orientation&quot;:&quot;1&quot;}\" data-image-title=\"Screenshot\" data-image-description=\"\" data-medium-file=\"https:\/\/i0.wp.com\/itayachtscanada.com\/wp-content\/uploads\/2024\/06\/Capture-decran-le-2024-06-08-a-13.09.34.jpg?fit=300%2C197&#038;ssl=1\" data-large-file=\"https:\/\/i0.wp.com\/itayachtscanada.com\/wp-content\/uploads\/2024\/06\/Capture-decran-le-2024-06-08-a-13.09.34.jpg?fit=700%2C460&#038;ssl=1\" src=\"https:\/\/i0.wp.com\/itayachtscanada.com\/wp-content\/uploads\/2024\/06\/Capture-decran-le-2024-06-08-a-13.09.34.jpg?w=463&#038;h=304&#038;ssl=1\" srcset=\"https:\/\/i0.wp.com\/itayachtscanada.com\/wp-content\/uploads\/2024\/06\/Capture-decran-le-2024-06-08-a-13.09.34.jpg?w=1912&amp;ssl=1 1912w, https:\/\/i0.wp.com\/itayachtscanada.com\/wp-content\/uploads\/2024\/06\/Capture-decran-le-2024-06-08-a-13.09.34.jpg?resize=300%2C197&amp;ssl=1 300w, https:\/\/i0.wp.com\/itayachtscanada.com\/wp-content\/uploads\/2024\/06\/Capture-decran-le-2024-06-08-a-13.09.34.jpg?resize=1024%2C673&amp;ssl=1 1024w, https:\/\/i0.wp.com\/itayachtscanada.com\/wp-content\/uploads\/2024\/06\/Capture-decran-le-2024-06-08-a-13.09.34.jpg?resize=768%2C505&amp;ssl=1 768w, https:\/\/i0.wp.com\/itayachtscanada.com\/wp-content\/uploads\/2024\/06\/Capture-decran-le-2024-06-08-a-13.09.34.jpg?resize=1536%2C1009&amp;ssl=1 1536w, https:\/\/i0.wp.com\/itayachtscanada.com\/wp-content\/uploads\/2024\/06\/Capture-decran-le-2024-06-08-a-13.09.34.jpg?resize=1200%2C788&amp;ssl=1 1200w, https:\/\/i0.wp.com\/itayachtscanada.com\/wp-content\/uploads\/2024\/06\/Capture-decran-le-2024-06-08-a-13.09.34.jpg?resize=700%2C460&amp;ssl=1 700w, https:\/\/i0.wp.com\/itayachtscanada.com\/wp-content\/uploads\/2024\/06\/Capture-decran-le-2024-06-08-a-13.09.34.jpg?resize=609%2C400&amp;ssl=1 609w, https:\/\/i0.wp.com\/itayachtscanada.com\/wp-content\/uploads\/2024\/06\/Capture-decran-le-2024-06-08-a-13.09.34.jpg?w=1400&amp;ssl=1 1400w\" width=\"463\" height=\"304\" loading=\"lazy\" data-original-width=\"463\" data-original-height=\"304\" itemprop=\"http:\/\/schema.org\/image\" title=\"Screenshot\" alt=\"Screenshot\" style=\"width: 463px; height: 304px;\" \/> <\/a> <\/div> <\/div> <!-- close group --> <div class=\"gallery-group images-2\" style=\"width: 233px; height: 308px;\" data-original-width=\"233\" data-original-height=\"308\" > <div class=\"tiled-gallery-item tiled-gallery-item-small\" itemprop=\"associatedMedia\" itemscope itemtype=\"http:\/\/schema.org\/ImageObject\"> <a href=\"https:\/\/itayachtscanada.com\/fr\/listing\/sunseeker-95-yacht-2023-9499000-usd-for-sale\/screenshot-3823\/\" border=\"0\" itemprop=\"url\"> <meta itemprop=\"width\" content=\"229\"> <meta itemprop=\"height\" content=\"150\"> <img decoding=\"async\" class=\"\" data-attachment-id=\"165549\" data-orig-file=\"https:\/\/itayachtscanada.com\/wp-content\/uploads\/2024\/06\/Capture-decran-le-2024-06-08-a-13.09.31.jpg\" data-orig-size=\"1912,1256\" data-comments-opened=\"1\" data-image-meta=\"{&quot;aperture&quot;:&quot;0&quot;,&quot;credit&quot;:&quot;&quot;,&quot;camera&quot;:&quot;&quot;,&quot;caption&quot;:&quot;Screenshot&quot;,&quot;created_timestamp&quot;:&quot;0&quot;,&quot;copyright&quot;:&quot;&quot;,&quot;focal_length&quot;:&quot;0&quot;,&quot;iso&quot;:&quot;0&quot;,&quot;shutter_speed&quot;:&quot;0&quot;,&quot;title&quot;:&quot;Screenshot&quot;,&quot;orientation&quot;:&quot;1&quot;}\" data-image-title=\"Screenshot\" data-image-description=\"\" data-medium-file=\"https:\/\/i0.wp.com\/itayachtscanada.com\/wp-content\/uploads\/2024\/06\/Capture-decran-le-2024-06-08-a-13.09.31.jpg?fit=300%2C197&#038;ssl=1\" data-large-file=\"https:\/\/i0.wp.com\/itayachtscanada.com\/wp-content\/uploads\/2024\/06\/Capture-decran-le-2024-06-08-a-13.09.31.jpg?fit=700%2C460&#038;ssl=1\" src=\"https:\/\/i0.wp.com\/itayachtscanada.com\/wp-content\/uploads\/2024\/06\/Capture-decran-le-2024-06-08-a-13.09.31.jpg?w=229&#038;h=150&#038;ssl=1\" srcset=\"https:\/\/i0.wp.com\/itayachtscanada.com\/wp-content\/uploads\/2024\/06\/Capture-decran-le-2024-06-08-a-13.09.31.jpg?w=1912&amp;ssl=1 1912w, https:\/\/i0.wp.com\/itayachtscanada.com\/wp-content\/uploads\/2024\/06\/Capture-decran-le-2024-06-08-a-13.09.31.jpg?resize=300%2C197&amp;ssl=1 300w, https:\/\/i0.wp.com\/itayachtscanada.com\/wp-content\/uploads\/2024\/06\/Capture-decran-le-2024-06-08-a-13.09.31.jpg?resize=1024%2C673&amp;ssl=1 1024w, https:\/\/i0.wp.com\/itayachtscanada.com\/wp-content\/uploads\/2024\/06\/Capture-decran-le-2024-06-08-a-13.09.31.jpg?resize=768%2C505&amp;ssl=1 768w, https:\/\/i0.wp.com\/itayachtscanada.com\/wp-content\/uploads\/2024\/06\/Capture-decran-le-2024-06-08-a-13.09.31.jpg?resize=1536%2C1009&amp;ssl=1 1536w, https:\/\/i0.wp.com\/itayachtscanada.com\/wp-content\/uploads\/2024\/06\/Capture-decran-le-2024-06-08-a-13.09.31.jpg?resize=1200%2C788&amp;ssl=1 1200w, https:\/\/i0.wp.com\/itayachtscanada.com\/wp-content\/uploads\/2024\/06\/Capture-decran-le-2024-06-08-a-13.09.31.jpg?resize=700%2C460&amp;ssl=1 700w, https:\/\/i0.wp.com\/itayachtscanada.com\/wp-content\/uploads\/2024\/06\/Capture-decran-le-2024-06-08-a-13.09.31.jpg?resize=609%2C400&amp;ssl=1 609w, https:\/\/i0.wp.com\/itayachtscanada.com\/wp-content\/uploads\/2024\/06\/Capture-decran-le-2024-06-08-a-13.09.31.jpg?w=1400&amp;ssl=1 1400w\" width=\"229\" height=\"150\" loading=\"lazy\" data-original-width=\"229\" data-original-height=\"150\" itemprop=\"http:\/\/schema.org\/image\" title=\"Screenshot\" alt=\"Screenshot\" style=\"width: 229px; height: 150px;\" \/> <\/a> <\/div> <div class=\"tiled-gallery-item tiled-gallery-item-small\" itemprop=\"associatedMedia\" itemscope itemtype=\"http:\/\/schema.org\/ImageObject\"> <a href=\"https:\/\/itayachtscanada.com\/fr\/listing\/sunseeker-95-yacht-2023-9499000-usd-for-sale\/screenshot-3824\/\" border=\"0\" itemprop=\"url\"> <meta itemprop=\"width\" content=\"229\"> <meta itemprop=\"height\" content=\"150\"> <img decoding=\"async\" class=\"\" data-attachment-id=\"165550\" data-orig-file=\"https:\/\/itayachtscanada.com\/wp-content\/uploads\/2024\/06\/Capture-decran-le-2024-06-08-a-13.09.27.jpg\" data-orig-size=\"1912,1256\" data-comments-opened=\"1\" data-image-meta=\"{&quot;aperture&quot;:&quot;0&quot;,&quot;credit&quot;:&quot;&quot;,&quot;camera&quot;:&quot;&quot;,&quot;caption&quot;:&quot;Screenshot&quot;,&quot;created_timestamp&quot;:&quot;0&quot;,&quot;copyright&quot;:&quot;&quot;,&quot;focal_length&quot;:&quot;0&quot;,&quot;iso&quot;:&quot;0&quot;,&quot;shutter_speed&quot;:&quot;0&quot;,&quot;title&quot;:&quot;Screenshot&quot;,&quot;orientation&quot;:&quot;1&quot;}\" data-image-title=\"Screenshot\" data-image-description=\"\" data-medium-file=\"https:\/\/i0.wp.com\/itayachtscanada.com\/wp-content\/uploads\/2024\/06\/Capture-decran-le-2024-06-08-a-13.09.27.jpg?fit=300%2C197&#038;ssl=1\" data-large-file=\"https:\/\/i0.wp.com\/itayachtscanada.com\/wp-content\/uploads\/2024\/06\/Capture-decran-le-2024-06-08-a-13.09.27.jpg?fit=700%2C460&#038;ssl=1\" src=\"https:\/\/i0.wp.com\/itayachtscanada.com\/wp-content\/uploads\/2024\/06\/Capture-decran-le-2024-06-08-a-13.09.27.jpg?w=229&#038;h=150&#038;ssl=1\" srcset=\"https:\/\/i0.wp.com\/itayachtscanada.com\/wp-content\/uploads\/2024\/06\/Capture-decran-le-2024-06-08-a-13.09.27.jpg?w=1912&amp;ssl=1 1912w, https:\/\/i0.wp.com\/itayachtscanada.com\/wp-content\/uploads\/2024\/06\/Capture-decran-le-2024-06-08-a-13.09.27.jpg?resize=300%2C197&amp;ssl=1 300w, https:\/\/i0.wp.com\/itayachtscanada.com\/wp-content\/uploads\/2024\/06\/Capture-decran-le-2024-06-08-a-13.09.27.jpg?resize=1024%2C673&amp;ssl=1 1024w, https:\/\/i0.wp.com\/itayachtscanada.com\/wp-content\/uploads\/2024\/06\/Capture-decran-le-2024-06-08-a-13.09.27.jpg?resize=768%2C505&amp;ssl=1 768w, https:\/\/i0.wp.com\/itayachtscanada.com\/wp-content\/uploads\/2024\/06\/Capture-decran-le-2024-06-08-a-13.09.27.jpg?resize=1536%2C1009&amp;ssl=1 1536w, https:\/\/i0.wp.com\/itayachtscanada.com\/wp-content\/uploads\/2024\/06\/Capture-decran-le-2024-06-08-a-13.09.27.jpg?resize=1200%2C788&amp;ssl=1 1200w, https:\/\/i0.wp.com\/itayachtscanada.com\/wp-content\/uploads\/2024\/06\/Capture-decran-le-2024-06-08-a-13.09.27.jpg?resize=700%2C460&amp;ssl=1 700w, https:\/\/i0.wp.com\/itayachtscanada.com\/wp-content\/uploads\/2024\/06\/Capture-decran-le-2024-06-08-a-13.09.27.jpg?resize=609%2C400&amp;ssl=1 609w, https:\/\/i0.wp.com\/itayachtscanada.com\/wp-content\/uploads\/2024\/06\/Capture-decran-le-2024-06-08-a-13.09.27.jpg?w=1400&amp;ssl=1 1400w\" width=\"229\" height=\"150\" loading=\"lazy\" data-original-width=\"229\" data-original-height=\"150\" itemprop=\"http:\/\/schema.org\/image\" title=\"Screenshot\" alt=\"Screenshot\" style=\"width: 229px; height: 150px;\" \/> <\/a> <\/div> <\/div> <!-- close group --> <\/div> <!-- close row --> <div class=\"gallery-row\" style=\"width: 700px; height: 155px;\" data-original-width=\"700\" data-original-height=\"155\" > <div class=\"gallery-group images-1\" style=\"width: 234px; height: 155px;\" data-original-width=\"234\" data-original-height=\"155\" > <div class=\"tiled-gallery-item tiled-gallery-item-small\" itemprop=\"associatedMedia\" itemscope itemtype=\"http:\/\/schema.org\/ImageObject\"> <a href=\"https:\/\/itayachtscanada.com\/fr\/listing\/sunseeker-95-yacht-2023-9499000-usd-for-sale\/screenshot-3825\/\" border=\"0\" itemprop=\"url\"> <meta itemprop=\"width\" content=\"230\"> <meta itemprop=\"height\" content=\"151\"> <img decoding=\"async\" class=\"\" data-attachment-id=\"165551\" data-orig-file=\"https:\/\/itayachtscanada.com\/wp-content\/uploads\/2024\/06\/Capture-decran-le-2024-06-08-a-13.09.22.jpg\" data-orig-size=\"1912,1256\" data-comments-opened=\"1\" data-image-meta=\"{&quot;aperture&quot;:&quot;0&quot;,&quot;credit&quot;:&quot;&quot;,&quot;camera&quot;:&quot;&quot;,&quot;caption&quot;:&quot;Screenshot&quot;,&quot;created_timestamp&quot;:&quot;0&quot;,&quot;copyright&quot;:&quot;&quot;,&quot;focal_length&quot;:&quot;0&quot;,&quot;iso&quot;:&quot;0&quot;,&quot;shutter_speed&quot;:&quot;0&quot;,&quot;title&quot;:&quot;Screenshot&quot;,&quot;orientation&quot;:&quot;1&quot;}\" data-image-title=\"Screenshot\" data-image-description=\"\" data-medium-file=\"https:\/\/i0.wp.com\/itayachtscanada.com\/wp-content\/uploads\/2024\/06\/Capture-decran-le-2024-06-08-a-13.09.22.jpg?fit=300%2C197&#038;ssl=1\" data-large-file=\"https:\/\/i0.wp.com\/itayachtscanada.com\/wp-content\/uploads\/2024\/06\/Capture-decran-le-2024-06-08-a-13.09.22.jpg?fit=700%2C460&#038;ssl=1\" src=\"https:\/\/i0.wp.com\/itayachtscanada.com\/wp-content\/uploads\/2024\/06\/Capture-decran-le-2024-06-08-a-13.09.22.jpg?w=230&#038;h=151&#038;ssl=1\" srcset=\"https:\/\/i0.wp.com\/itayachtscanada.com\/wp-content\/uploads\/2024\/06\/Capture-decran-le-2024-06-08-a-13.09.22.jpg?w=1912&amp;ssl=1 1912w, https:\/\/i0.wp.com\/itayachtscanada.com\/wp-content\/uploads\/2024\/06\/Capture-decran-le-2024-06-08-a-13.09.22.jpg?resize=300%2C197&amp;ssl=1 300w, https:\/\/i0.wp.com\/itayachtscanada.com\/wp-content\/uploads\/2024\/06\/Capture-decran-le-2024-06-08-a-13.09.22.jpg?resize=1024%2C673&amp;ssl=1 1024w, https:\/\/i0.wp.com\/itayachtscanada.com\/wp-content\/uploads\/2024\/06\/Capture-decran-le-2024-06-08-a-13.09.22.jpg?resize=768%2C505&amp;ssl=1 768w, https:\/\/i0.wp.com\/itayachtscanada.com\/wp-content\/uploads\/2024\/06\/Capture-decran-le-2024-06-08-a-13.09.22.jpg?resize=1536%2C1009&amp;ssl=1 1536w, https:\/\/i0.wp.com\/itayachtscanada.com\/wp-content\/uploads\/2024\/06\/Capture-decran-le-2024-06-08-a-13.09.22.jpg?resize=1200%2C788&amp;ssl=1 1200w, https:\/\/i0.wp.com\/itayachtscanada.com\/wp-content\/uploads\/2024\/06\/Capture-decran-le-2024-06-08-a-13.09.22.jpg?resize=700%2C460&amp;ssl=1 700w, https:\/\/i0.wp.com\/itayachtscanada.com\/wp-content\/uploads\/2024\/06\/Capture-decran-le-2024-06-08-a-13.09.22.jpg?resize=609%2C400&amp;ssl=1 609w, https:\/\/i0.wp.com\/itayachtscanada.com\/wp-content\/uploads\/2024\/06\/Capture-decran-le-2024-06-08-a-13.09.22.jpg?w=1400&amp;ssl=1 1400w\" width=\"230\" height=\"151\" loading=\"lazy\" data-original-width=\"230\" data-original-height=\"151\" itemprop=\"http:\/\/schema.org\/image\" title=\"Screenshot\" alt=\"Screenshot\" style=\"width: 230px; height: 151px;\" \/> <\/a> <\/div> <\/div> <!-- close group --> <div class=\"gallery-group images-1\" style=\"width: 233px; height: 155px;\" data-original-width=\"233\" data-original-height=\"155\" > <div class=\"tiled-gallery-item tiled-gallery-item-small\" itemprop=\"associatedMedia\" itemscope itemtype=\"http:\/\/schema.org\/ImageObject\"> <a href=\"https:\/\/itayachtscanada.com\/fr\/listing\/sunseeker-95-yacht-2023-9499000-usd-for-sale\/screenshot-3826\/\" border=\"0\" itemprop=\"url\"> <meta itemprop=\"width\" content=\"229\"> <meta itemprop=\"height\" content=\"151\"> <img decoding=\"async\" class=\"\" data-attachment-id=\"165552\" data-orig-file=\"https:\/\/itayachtscanada.com\/wp-content\/uploads\/2024\/06\/Capture-decran-le-2024-06-08-a-13.09.18.jpg\" data-orig-size=\"1912,1256\" data-comments-opened=\"1\" data-image-meta=\"{&quot;aperture&quot;:&quot;0&quot;,&quot;credit&quot;:&quot;&quot;,&quot;camera&quot;:&quot;&quot;,&quot;caption&quot;:&quot;Screenshot&quot;,&quot;created_timestamp&quot;:&quot;0&quot;,&quot;copyright&quot;:&quot;&quot;,&quot;focal_length&quot;:&quot;0&quot;,&quot;iso&quot;:&quot;0&quot;,&quot;shutter_speed&quot;:&quot;0&quot;,&quot;title&quot;:&quot;Screenshot&quot;,&quot;orientation&quot;:&quot;1&quot;}\" data-image-title=\"Screenshot\" data-image-description=\"\" data-medium-file=\"https:\/\/i0.wp.com\/itayachtscanada.com\/wp-content\/uploads\/2024\/06\/Capture-decran-le-2024-06-08-a-13.09.18.jpg?fit=300%2C197&#038;ssl=1\" data-large-file=\"https:\/\/i0.wp.com\/itayachtscanada.com\/wp-content\/uploads\/2024\/06\/Capture-decran-le-2024-06-08-a-13.09.18.jpg?fit=700%2C460&#038;ssl=1\" src=\"https:\/\/i0.wp.com\/itayachtscanada.com\/wp-content\/uploads\/2024\/06\/Capture-decran-le-2024-06-08-a-13.09.18.jpg?w=229&#038;h=151&#038;ssl=1\" srcset=\"https:\/\/i0.wp.com\/itayachtscanada.com\/wp-content\/uploads\/2024\/06\/Capture-decran-le-2024-06-08-a-13.09.18.jpg?w=1912&amp;ssl=1 1912w, https:\/\/i0.wp.com\/itayachtscanada.com\/wp-content\/uploads\/2024\/06\/Capture-decran-le-2024-06-08-a-13.09.18.jpg?resize=300%2C197&amp;ssl=1 300w, https:\/\/i0.wp.com\/itayachtscanada.com\/wp-content\/uploads\/2024\/06\/Capture-decran-le-2024-06-08-a-13.09.18.jpg?resize=1024%2C673&amp;ssl=1 1024w, https:\/\/i0.wp.com\/itayachtscanada.com\/wp-content\/uploads\/2024\/06\/Capture-decran-le-2024-06-08-a-13.09.18.jpg?resize=768%2C505&amp;ssl=1 768w, https:\/\/i0.wp.com\/itayachtscanada.com\/wp-content\/uploads\/2024\/06\/Capture-decran-le-2024-06-08-a-13.09.18.jpg?resize=1536%2C1009&amp;ssl=1 1536w, https:\/\/i0.wp.com\/itayachtscanada.com\/wp-content\/uploads\/2024\/06\/Capture-decran-le-2024-06-08-a-13.09.18.jpg?resize=1200%2C788&amp;ssl=1 1200w, https:\/\/i0.wp.com\/itayachtscanada.com\/wp-content\/uploads\/2024\/06\/Capture-decran-le-2024-06-08-a-13.09.18.jpg?resize=700%2C460&amp;ssl=1 700w, https:\/\/i0.wp.com\/itayachtscanada.com\/wp-content\/uploads\/2024\/06\/Capture-decran-le-2024-06-08-a-13.09.18.jpg?resize=609%2C400&amp;ssl=1 609w, https:\/\/i0.wp.com\/itayachtscanada.com\/wp-content\/uploads\/2024\/06\/Capture-decran-le-2024-06-08-a-13.09.18.jpg?w=1400&amp;ssl=1 1400w\" width=\"229\" height=\"151\" loading=\"lazy\" data-original-width=\"229\" data-original-height=\"151\" itemprop=\"http:\/\/schema.org\/image\" title=\"Screenshot\" alt=\"Sunseeker 95 Yacht 2023\" style=\"width: 229px; height: 151px;\" \/> <\/a> <div class=\"tiled-gallery-caption\" itemprop=\"caption description\"> Sunseeker 95 Yacht 2023 <\/div> <\/div> <\/div> <!-- close group --> <div class=\"gallery-group images-1\" style=\"width: 233px; height: 155px;\" data-original-width=\"233\" data-original-height=\"155\" > <div class=\"tiled-gallery-item tiled-gallery-item-small\" itemprop=\"associatedMedia\" itemscope itemtype=\"http:\/\/schema.org\/ImageObject\"> <a href=\"https:\/\/itayachtscanada.com\/fr\/listing\/sunseeker-95-yacht-2023-9499000-usd-for-sale\/screenshot-3827\/\" border=\"0\" itemprop=\"url\"> <meta itemprop=\"width\" content=\"229\"> <meta itemprop=\"height\" content=\"151\"> <img decoding=\"async\" class=\"\" data-attachment-id=\"165553\" data-orig-file=\"https:\/\/itayachtscanada.com\/wp-content\/uploads\/2024\/06\/Capture-decran-le-2024-06-08-a-13.09.15.jpg\" data-orig-size=\"1912,1256\" data-comments-opened=\"1\" data-image-meta=\"{&quot;aperture&quot;:&quot;0&quot;,&quot;credit&quot;:&quot;&quot;,&quot;camera&quot;:&quot;&quot;,&quot;caption&quot;:&quot;Screenshot&quot;,&quot;created_timestamp&quot;:&quot;0&quot;,&quot;copyright&quot;:&quot;&quot;,&quot;focal_length&quot;:&quot;0&quot;,&quot;iso&quot;:&quot;0&quot;,&quot;shutter_speed&quot;:&quot;0&quot;,&quot;title&quot;:&quot;Screenshot&quot;,&quot;orientation&quot;:&quot;1&quot;}\" data-image-title=\"Screenshot\" data-image-description=\"\" data-medium-file=\"https:\/\/i0.wp.com\/itayachtscanada.com\/wp-content\/uploads\/2024\/06\/Capture-decran-le-2024-06-08-a-13.09.15.jpg?fit=300%2C197&#038;ssl=1\" data-large-file=\"https:\/\/i0.wp.com\/itayachtscanada.com\/wp-content\/uploads\/2024\/06\/Capture-decran-le-2024-06-08-a-13.09.15.jpg?fit=700%2C460&#038;ssl=1\" src=\"https:\/\/i0.wp.com\/itayachtscanada.com\/wp-content\/uploads\/2024\/06\/Capture-decran-le-2024-06-08-a-13.09.15.jpg?w=229&#038;h=151&#038;ssl=1\" srcset=\"https:\/\/i0.wp.com\/itayachtscanada.com\/wp-content\/uploads\/2024\/06\/Capture-decran-le-2024-06-08-a-13.09.15.jpg?w=1912&amp;ssl=1 1912w, https:\/\/i0.wp.com\/itayachtscanada.com\/wp-content\/uploads\/2024\/06\/Capture-decran-le-2024-06-08-a-13.09.15.jpg?resize=300%2C197&amp;ssl=1 300w, https:\/\/i0.wp.com\/itayachtscanada.com\/wp-content\/uploads\/2024\/06\/Capture-decran-le-2024-06-08-a-13.09.15.jpg?resize=1024%2C673&amp;ssl=1 1024w, https:\/\/i0.wp.com\/itayachtscanada.com\/wp-content\/uploads\/2024\/06\/Capture-decran-le-2024-06-08-a-13.09.15.jpg?resize=768%2C505&amp;ssl=1 768w, https:\/\/i0.wp.com\/itayachtscanada.com\/wp-content\/uploads\/2024\/06\/Capture-decran-le-2024-06-08-a-13.09.15.jpg?resize=1536%2C1009&amp;ssl=1 1536w, https:\/\/i0.wp.com\/itayachtscanada.com\/wp-content\/uploads\/2024\/06\/Capture-decran-le-2024-06-08-a-13.09.15.jpg?resize=1200%2C788&amp;ssl=1 1200w, https:\/\/i0.wp.com\/itayachtscanada.com\/wp-content\/uploads\/2024\/06\/Capture-decran-le-2024-06-08-a-13.09.15.jpg?resize=700%2C460&amp;ssl=1 700w, https:\/\/i0.wp.com\/itayachtscanada.com\/wp-content\/uploads\/2024\/06\/Capture-decran-le-2024-06-08-a-13.09.15.jpg?resize=609%2C400&amp;ssl=1 609w, https:\/\/i0.wp.com\/itayachtscanada.com\/wp-content\/uploads\/2024\/06\/Capture-decran-le-2024-06-08-a-13.09.15.jpg?w=1400&amp;ssl=1 1400w\" width=\"229\" height=\"151\" loading=\"lazy\" data-original-width=\"229\" data-original-height=\"151\" itemprop=\"http:\/\/schema.org\/image\" title=\"Screenshot\" alt=\"Screenshot\" style=\"width: 229px; height: 151px;\" \/> <\/a> <\/div> <\/div> <!-- close group --> <\/div> <!-- close row --> <div class=\"gallery-row\" style=\"width: 700px; height: 308px;\" data-original-width=\"700\" data-original-height=\"308\" > <div class=\"gallery-group images-2\" style=\"width: 233px; height: 308px;\" data-original-width=\"233\" data-original-height=\"308\" > <div class=\"tiled-gallery-item tiled-gallery-item-small\" itemprop=\"associatedMedia\" itemscope itemtype=\"http:\/\/schema.org\/ImageObject\"> <a href=\"https:\/\/itayachtscanada.com\/fr\/listing\/sunseeker-95-yacht-2023-9499000-usd-for-sale\/screenshot-3828\/\" border=\"0\" itemprop=\"url\"> <meta itemprop=\"width\" content=\"229\"> <meta itemprop=\"height\" content=\"150\"> <img decoding=\"async\" class=\"\" data-attachment-id=\"165554\" data-orig-file=\"https:\/\/itayachtscanada.com\/wp-content\/uploads\/2024\/06\/Capture-decran-le-2024-06-08-a-13.09.11.jpg\" data-orig-size=\"1912,1256\" data-comments-opened=\"1\" data-image-meta=\"{&quot;aperture&quot;:&quot;0&quot;,&quot;credit&quot;:&quot;&quot;,&quot;camera&quot;:&quot;&quot;,&quot;caption&quot;:&quot;Screenshot&quot;,&quot;created_timestamp&quot;:&quot;0&quot;,&quot;copyright&quot;:&quot;&quot;,&quot;focal_length&quot;:&quot;0&quot;,&quot;iso&quot;:&quot;0&quot;,&quot;shutter_speed&quot;:&quot;0&quot;,&quot;title&quot;:&quot;Screenshot&quot;,&quot;orientation&quot;:&quot;1&quot;}\" data-image-title=\"Screenshot\" data-image-description=\"\" data-medium-file=\"https:\/\/i0.wp.com\/itayachtscanada.com\/wp-content\/uploads\/2024\/06\/Capture-decran-le-2024-06-08-a-13.09.11.jpg?fit=300%2C197&#038;ssl=1\" data-large-file=\"https:\/\/i0.wp.com\/itayachtscanada.com\/wp-content\/uploads\/2024\/06\/Capture-decran-le-2024-06-08-a-13.09.11.jpg?fit=700%2C460&#038;ssl=1\" src=\"https:\/\/i0.wp.com\/itayachtscanada.com\/wp-content\/uploads\/2024\/06\/Capture-decran-le-2024-06-08-a-13.09.11.jpg?w=229&#038;h=150&#038;ssl=1\" srcset=\"https:\/\/i0.wp.com\/itayachtscanada.com\/wp-content\/uploads\/2024\/06\/Capture-decran-le-2024-06-08-a-13.09.11.jpg?w=1912&amp;ssl=1 1912w, https:\/\/i0.wp.com\/itayachtscanada.com\/wp-content\/uploads\/2024\/06\/Capture-decran-le-2024-06-08-a-13.09.11.jpg?resize=300%2C197&amp;ssl=1 300w, https:\/\/i0.wp.com\/itayachtscanada.com\/wp-content\/uploads\/2024\/06\/Capture-decran-le-2024-06-08-a-13.09.11.jpg?resize=1024%2C673&amp;ssl=1 1024w, https:\/\/i0.wp.com\/itayachtscanada.com\/wp-content\/uploads\/2024\/06\/Capture-decran-le-2024-06-08-a-13.09.11.jpg?resize=768%2C505&amp;ssl=1 768w, https:\/\/i0.wp.com\/itayachtscanada.com\/wp-content\/uploads\/2024\/06\/Capture-decran-le-2024-06-08-a-13.09.11.jpg?resize=1536%2C1009&amp;ssl=1 1536w, https:\/\/i0.wp.com\/itayachtscanada.com\/wp-content\/uploads\/2024\/06\/Capture-decran-le-2024-06-08-a-13.09.11.jpg?resize=1200%2C788&amp;ssl=1 1200w, https:\/\/i0.wp.com\/itayachtscanada.com\/wp-content\/uploads\/2024\/06\/Capture-decran-le-2024-06-08-a-13.09.11.jpg?resize=700%2C460&amp;ssl=1 700w, https:\/\/i0.wp.com\/itayachtscanada.com\/wp-content\/uploads\/2024\/06\/Capture-decran-le-2024-06-08-a-13.09.11.jpg?resize=609%2C400&amp;ssl=1 609w, https:\/\/i0.wp.com\/itayachtscanada.com\/wp-content\/uploads\/2024\/06\/Capture-decran-le-2024-06-08-a-13.09.11.jpg?w=1400&amp;ssl=1 1400w\" width=\"229\" height=\"150\" loading=\"lazy\" data-original-width=\"229\" data-original-height=\"150\" itemprop=\"http:\/\/schema.org\/image\" title=\"Screenshot\" alt=\"Screenshot\" style=\"width: 229px; height: 150px;\" \/> <\/a> <\/div> <div class=\"tiled-gallery-item tiled-gallery-item-small\" itemprop=\"associatedMedia\" itemscope itemtype=\"http:\/\/schema.org\/ImageObject\"> <a href=\"https:\/\/itayachtscanada.com\/fr\/listing\/sunseeker-95-yacht-2023-9499000-usd-for-sale\/screenshot-3829\/\" border=\"0\" itemprop=\"url\"> <meta itemprop=\"width\" content=\"229\"> <meta itemprop=\"height\" content=\"150\"> <img decoding=\"async\" class=\"\" data-attachment-id=\"165555\" data-orig-file=\"https:\/\/itayachtscanada.com\/wp-content\/uploads\/2024\/06\/Capture-decran-le-2024-06-08-a-13.09.07.jpg\" data-orig-size=\"1912,1256\" data-comments-opened=\"1\" data-image-meta=\"{&quot;aperture&quot;:&quot;0&quot;,&quot;credit&quot;:&quot;&quot;,&quot;camera&quot;:&quot;&quot;,&quot;caption&quot;:&quot;Screenshot&quot;,&quot;created_timestamp&quot;:&quot;0&quot;,&quot;copyright&quot;:&quot;&quot;,&quot;focal_length&quot;:&quot;0&quot;,&quot;iso&quot;:&quot;0&quot;,&quot;shutter_speed&quot;:&quot;0&quot;,&quot;title&quot;:&quot;Screenshot&quot;,&quot;orientation&quot;:&quot;1&quot;}\" data-image-title=\"Screenshot\" data-image-description=\"\" data-medium-file=\"https:\/\/i0.wp.com\/itayachtscanada.com\/wp-content\/uploads\/2024\/06\/Capture-decran-le-2024-06-08-a-13.09.07.jpg?fit=300%2C197&#038;ssl=1\" data-large-file=\"https:\/\/i0.wp.com\/itayachtscanada.com\/wp-content\/uploads\/2024\/06\/Capture-decran-le-2024-06-08-a-13.09.07.jpg?fit=700%2C460&#038;ssl=1\" src=\"https:\/\/i0.wp.com\/itayachtscanada.com\/wp-content\/uploads\/2024\/06\/Capture-decran-le-2024-06-08-a-13.09.07.jpg?w=229&#038;h=150&#038;ssl=1\" srcset=\"https:\/\/i0.wp.com\/itayachtscanada.com\/wp-content\/uploads\/2024\/06\/Capture-decran-le-2024-06-08-a-13.09.07.jpg?w=1912&amp;ssl=1 1912w, https:\/\/i0.wp.com\/itayachtscanada.com\/wp-content\/uploads\/2024\/06\/Capture-decran-le-2024-06-08-a-13.09.07.jpg?resize=300%2C197&amp;ssl=1 300w, https:\/\/i0.wp.com\/itayachtscanada.com\/wp-content\/uploads\/2024\/06\/Capture-decran-le-2024-06-08-a-13.09.07.jpg?resize=1024%2C673&amp;ssl=1 1024w, https:\/\/i0.wp.com\/itayachtscanada.com\/wp-content\/uploads\/2024\/06\/Capture-decran-le-2024-06-08-a-13.09.07.jpg?resize=768%2C505&amp;ssl=1 768w, https:\/\/i0.wp.com\/itayachtscanada.com\/wp-content\/uploads\/2024\/06\/Capture-decran-le-2024-06-08-a-13.09.07.jpg?resize=1536%2C1009&amp;ssl=1 1536w, https:\/\/i0.wp.com\/itayachtscanada.com\/wp-content\/uploads\/2024\/06\/Capture-decran-le-2024-06-08-a-13.09.07.jpg?resize=1200%2C788&amp;ssl=1 1200w, https:\/\/i0.wp.com\/itayachtscanada.com\/wp-content\/uploads\/2024\/06\/Capture-decran-le-2024-06-08-a-13.09.07.jpg?resize=700%2C460&amp;ssl=1 700w, https:\/\/i0.wp.com\/itayachtscanada.com\/wp-content\/uploads\/2024\/06\/Capture-decran-le-2024-06-08-a-13.09.07.jpg?resize=609%2C400&amp;ssl=1 609w, https:\/\/i0.wp.com\/itayachtscanada.com\/wp-content\/uploads\/2024\/06\/Capture-decran-le-2024-06-08-a-13.09.07.jpg?w=1400&amp;ssl=1 1400w\" width=\"229\" height=\"150\" loading=\"lazy\" data-original-width=\"229\" data-original-height=\"150\" itemprop=\"http:\/\/schema.org\/image\" title=\"Screenshot\" alt=\"Screenshot\" style=\"width: 229px; height: 150px;\" \/> <\/a> <\/div> <\/div> <!-- close group --> <div class=\"gallery-group images-1\" style=\"width: 467px; height: 308px;\" data-original-width=\"467\" data-original-height=\"308\" > <div class=\"tiled-gallery-item tiled-gallery-item-large\" itemprop=\"associatedMedia\" itemscope itemtype=\"http:\/\/schema.org\/ImageObject\"> <a href=\"https:\/\/itayachtscanada.com\/fr\/listing\/sunseeker-95-yacht-2023-9499000-usd-for-sale\/screenshot-3830\/\" border=\"0\" itemprop=\"url\"> <meta itemprop=\"width\" content=\"463\"> <meta itemprop=\"height\" content=\"304\"> <img decoding=\"async\" class=\"\" data-attachment-id=\"165556\" data-orig-file=\"https:\/\/itayachtscanada.com\/wp-content\/uploads\/2024\/06\/Capture-decran-le-2024-06-08-a-13.08.58.jpg\" data-orig-size=\"1912,1256\" data-comments-opened=\"1\" data-image-meta=\"{&quot;aperture&quot;:&quot;0&quot;,&quot;credit&quot;:&quot;&quot;,&quot;camera&quot;:&quot;&quot;,&quot;caption&quot;:&quot;Screenshot&quot;,&quot;created_timestamp&quot;:&quot;0&quot;,&quot;copyright&quot;:&quot;&quot;,&quot;focal_length&quot;:&quot;0&quot;,&quot;iso&quot;:&quot;0&quot;,&quot;shutter_speed&quot;:&quot;0&quot;,&quot;title&quot;:&quot;Screenshot&quot;,&quot;orientation&quot;:&quot;1&quot;}\" data-image-title=\"Screenshot\" data-image-description=\"\" data-medium-file=\"https:\/\/i0.wp.com\/itayachtscanada.com\/wp-content\/uploads\/2024\/06\/Capture-decran-le-2024-06-08-a-13.08.58.jpg?fit=300%2C197&#038;ssl=1\" data-large-file=\"https:\/\/i0.wp.com\/itayachtscanada.com\/wp-content\/uploads\/2024\/06\/Capture-decran-le-2024-06-08-a-13.08.58.jpg?fit=700%2C460&#038;ssl=1\" src=\"https:\/\/i0.wp.com\/itayachtscanada.com\/wp-content\/uploads\/2024\/06\/Capture-decran-le-2024-06-08-a-13.08.58.jpg?w=463&#038;h=304&#038;ssl=1\" srcset=\"https:\/\/i0.wp.com\/itayachtscanada.com\/wp-content\/uploads\/2024\/06\/Capture-decran-le-2024-06-08-a-13.08.58.jpg?w=1912&amp;ssl=1 1912w, https:\/\/i0.wp.com\/itayachtscanada.com\/wp-content\/uploads\/2024\/06\/Capture-decran-le-2024-06-08-a-13.08.58.jpg?resize=300%2C197&amp;ssl=1 300w, https:\/\/i0.wp.com\/itayachtscanada.com\/wp-content\/uploads\/2024\/06\/Capture-decran-le-2024-06-08-a-13.08.58.jpg?resize=1024%2C673&amp;ssl=1 1024w, https:\/\/i0.wp.com\/itayachtscanada.com\/wp-content\/uploads\/2024\/06\/Capture-decran-le-2024-06-08-a-13.08.58.jpg?resize=768%2C505&amp;ssl=1 768w, https:\/\/i0.wp.com\/itayachtscanada.com\/wp-content\/uploads\/2024\/06\/Capture-decran-le-2024-06-08-a-13.08.58.jpg?resize=1536%2C1009&amp;ssl=1 1536w, https:\/\/i0.wp.com\/itayachtscanada.com\/wp-content\/uploads\/2024\/06\/Capture-decran-le-2024-06-08-a-13.08.58.jpg?resize=1200%2C788&amp;ssl=1 1200w, https:\/\/i0.wp.com\/itayachtscanada.com\/wp-content\/uploads\/2024\/06\/Capture-decran-le-2024-06-08-a-13.08.58.jpg?resize=700%2C460&amp;ssl=1 700w, https:\/\/i0.wp.com\/itayachtscanada.com\/wp-content\/uploads\/2024\/06\/Capture-decran-le-2024-06-08-a-13.08.58.jpg?resize=609%2C400&amp;ssl=1 609w, https:\/\/i0.wp.com\/itayachtscanada.com\/wp-content\/uploads\/2024\/06\/Capture-decran-le-2024-06-08-a-13.08.58.jpg?w=1400&amp;ssl=1 1400w\" width=\"463\" height=\"304\" loading=\"lazy\" data-original-width=\"463\" data-original-height=\"304\" itemprop=\"http:\/\/schema.org\/image\" title=\"Screenshot\" alt=\"Screenshot\" style=\"width: 463px; height: 304px;\" \/> <\/a> <\/div> <\/div> <!-- close group --> <\/div> <!-- close row --> <div class=\"gallery-row\" style=\"width: 700px; height: 233px;\" data-original-width=\"700\" data-original-height=\"233\" > <div class=\"gallery-group images-1\" style=\"width: 352px; height: 233px;\" data-original-width=\"352\" data-original-height=\"233\" > <div class=\"tiled-gallery-item tiled-gallery-item-large\" itemprop=\"associatedMedia\" itemscope itemtype=\"http:\/\/schema.org\/ImageObject\"> <a href=\"https:\/\/itayachtscanada.com\/fr\/listing\/sunseeker-95-yacht-2023-9499000-usd-for-sale\/screenshot-3796\/\" border=\"0\" itemprop=\"url\"> <meta itemprop=\"width\" content=\"348\"> <meta itemprop=\"height\" content=\"229\"> <img decoding=\"async\" class=\"\" data-attachment-id=\"165522\" data-orig-file=\"https:\/\/itayachtscanada.com\/wp-content\/uploads\/2024\/06\/Capture-decran-le-2024-06-08-a-13.12.45.jpg\" data-orig-size=\"1912,1256\" data-comments-opened=\"1\" data-image-meta=\"{&quot;aperture&quot;:&quot;0&quot;,&quot;credit&quot;:&quot;&quot;,&quot;camera&quot;:&quot;&quot;,&quot;caption&quot;:&quot;Screenshot&quot;,&quot;created_timestamp&quot;:&quot;0&quot;,&quot;copyright&quot;:&quot;&quot;,&quot;focal_length&quot;:&quot;0&quot;,&quot;iso&quot;:&quot;0&quot;,&quot;shutter_speed&quot;:&quot;0&quot;,&quot;title&quot;:&quot;Screenshot&quot;,&quot;orientation&quot;:&quot;1&quot;}\" data-image-title=\"Screenshot\" data-image-description=\"\" data-medium-file=\"https:\/\/i0.wp.com\/itayachtscanada.com\/wp-content\/uploads\/2024\/06\/Capture-decran-le-2024-06-08-a-13.12.45.jpg?fit=300%2C197&#038;ssl=1\" data-large-file=\"https:\/\/i0.wp.com\/itayachtscanada.com\/wp-content\/uploads\/2024\/06\/Capture-decran-le-2024-06-08-a-13.12.45.jpg?fit=700%2C460&#038;ssl=1\" src=\"https:\/\/i0.wp.com\/itayachtscanada.com\/wp-content\/uploads\/2024\/06\/Capture-decran-le-2024-06-08-a-13.12.45.jpg?w=348&#038;h=229&#038;ssl=1\" srcset=\"https:\/\/i0.wp.com\/itayachtscanada.com\/wp-content\/uploads\/2024\/06\/Capture-decran-le-2024-06-08-a-13.12.45.jpg?w=1912&amp;ssl=1 1912w, https:\/\/i0.wp.com\/itayachtscanada.com\/wp-content\/uploads\/2024\/06\/Capture-decran-le-2024-06-08-a-13.12.45.jpg?resize=300%2C197&amp;ssl=1 300w, https:\/\/i0.wp.com\/itayachtscanada.com\/wp-content\/uploads\/2024\/06\/Capture-decran-le-2024-06-08-a-13.12.45.jpg?resize=1024%2C673&amp;ssl=1 1024w, https:\/\/i0.wp.com\/itayachtscanada.com\/wp-content\/uploads\/2024\/06\/Capture-decran-le-2024-06-08-a-13.12.45.jpg?resize=768%2C505&amp;ssl=1 768w, https:\/\/i0.wp.com\/itayachtscanada.com\/wp-content\/uploads\/2024\/06\/Capture-decran-le-2024-06-08-a-13.12.45.jpg?resize=1536%2C1009&amp;ssl=1 1536w, https:\/\/i0.wp.com\/itayachtscanada.com\/wp-content\/uploads\/2024\/06\/Capture-decran-le-2024-06-08-a-13.12.45.jpg?resize=1200%2C788&amp;ssl=1 1200w, https:\/\/i0.wp.com\/itayachtscanada.com\/wp-content\/uploads\/2024\/06\/Capture-decran-le-2024-06-08-a-13.12.45.jpg?resize=700%2C460&amp;ssl=1 700w, https:\/\/i0.wp.com\/itayachtscanada.com\/wp-content\/uploads\/2024\/06\/Capture-decran-le-2024-06-08-a-13.12.45.jpg?resize=609%2C400&amp;ssl=1 609w, https:\/\/i0.wp.com\/itayachtscanada.com\/wp-content\/uploads\/2024\/06\/Capture-decran-le-2024-06-08-a-13.12.45.jpg?w=1400&amp;ssl=1 1400w\" width=\"348\" height=\"229\" loading=\"lazy\" data-original-width=\"348\" data-original-height=\"229\" itemprop=\"http:\/\/schema.org\/image\" title=\"Screenshot\" alt=\"Screenshot\" style=\"width: 348px; height: 229px;\" \/> <\/a> <\/div> <\/div> <!-- close group --> <div class=\"gallery-group images-1\" style=\"width: 348px; height: 233px;\" data-original-width=\"348\" data-original-height=\"233\" > <div class=\"tiled-gallery-item tiled-gallery-item-large\" itemprop=\"associatedMedia\" itemscope itemtype=\"http:\/\/schema.org\/ImageObject\"> <a href=\"https:\/\/itayachtscanada.com\/fr\/listing\/sunseeker-95-yacht-2023-9499000-usd-for-sale\/screenshot-3833\/\" border=\"0\" itemprop=\"url\"> <meta itemprop=\"width\" content=\"344\"> <meta itemprop=\"height\" content=\"229\"> <img decoding=\"async\" class=\"\" data-attachment-id=\"165559\" data-orig-file=\"https:\/\/itayachtscanada.com\/wp-content\/uploads\/2024\/06\/Capture-decran-le-2024-06-08-a-13.08.13.jpg\" data-orig-size=\"1660,1104\" data-comments-opened=\"1\" data-image-meta=\"{&quot;aperture&quot;:&quot;0&quot;,&quot;credit&quot;:&quot;&quot;,&quot;camera&quot;:&quot;&quot;,&quot;caption&quot;:&quot;Screenshot&quot;,&quot;created_timestamp&quot;:&quot;0&quot;,&quot;copyright&quot;:&quot;&quot;,&quot;focal_length&quot;:&quot;0&quot;,&quot;iso&quot;:&quot;0&quot;,&quot;shutter_speed&quot;:&quot;0&quot;,&quot;title&quot;:&quot;Screenshot&quot;,&quot;orientation&quot;:&quot;1&quot;}\" data-image-title=\"Screenshot\" data-image-description=\"\" data-medium-file=\"https:\/\/i0.wp.com\/itayachtscanada.com\/wp-content\/uploads\/2024\/06\/Capture-decran-le-2024-06-08-a-13.08.13.jpg?fit=300%2C200&#038;ssl=1\" data-large-file=\"https:\/\/i0.wp.com\/itayachtscanada.com\/wp-content\/uploads\/2024\/06\/Capture-decran-le-2024-06-08-a-13.08.13.jpg?fit=700%2C466&#038;ssl=1\" src=\"https:\/\/i0.wp.com\/itayachtscanada.com\/wp-content\/uploads\/2024\/06\/Capture-decran-le-2024-06-08-a-13.08.13.jpg?w=344&#038;h=229&#038;ssl=1\" srcset=\"https:\/\/i0.wp.com\/itayachtscanada.com\/wp-content\/uploads\/2024\/06\/Capture-decran-le-2024-06-08-a-13.08.13.jpg?w=1660&amp;ssl=1 1660w, https:\/\/i0.wp.com\/itayachtscanada.com\/wp-content\/uploads\/2024\/06\/Capture-decran-le-2024-06-08-a-13.08.13.jpg?resize=300%2C200&amp;ssl=1 300w, https:\/\/i0.wp.com\/itayachtscanada.com\/wp-content\/uploads\/2024\/06\/Capture-decran-le-2024-06-08-a-13.08.13.jpg?resize=1024%2C681&amp;ssl=1 1024w, https:\/\/i0.wp.com\/itayachtscanada.com\/wp-content\/uploads\/2024\/06\/Capture-decran-le-2024-06-08-a-13.08.13.jpg?resize=768%2C511&amp;ssl=1 768w, https:\/\/i0.wp.com\/itayachtscanada.com\/wp-content\/uploads\/2024\/06\/Capture-decran-le-2024-06-08-a-13.08.13.jpg?resize=1536%2C1022&amp;ssl=1 1536w, https:\/\/i0.wp.com\/itayachtscanada.com\/wp-content\/uploads\/2024\/06\/Capture-decran-le-2024-06-08-a-13.08.13.jpg?resize=1200%2C798&amp;ssl=1 1200w, https:\/\/i0.wp.com\/itayachtscanada.com\/wp-content\/uploads\/2024\/06\/Capture-decran-le-2024-06-08-a-13.08.13.jpg?resize=700%2C466&amp;ssl=1 700w, https:\/\/i0.wp.com\/itayachtscanada.com\/wp-content\/uploads\/2024\/06\/Capture-decran-le-2024-06-08-a-13.08.13.jpg?resize=900%2C600&amp;ssl=1 900w, https:\/\/i0.wp.com\/itayachtscanada.com\/wp-content\/uploads\/2024\/06\/Capture-decran-le-2024-06-08-a-13.08.13.jpg?resize=601%2C400&amp;ssl=1 601w, https:\/\/i0.wp.com\/itayachtscanada.com\/wp-content\/uploads\/2024\/06\/Capture-decran-le-2024-06-08-a-13.08.13.jpg?w=1400&amp;ssl=1 1400w\" width=\"344\" height=\"229\" loading=\"lazy\" data-original-width=\"344\" data-original-height=\"229\" itemprop=\"http:\/\/schema.org\/image\" title=\"Screenshot\" alt=\"Screenshot\" style=\"width: 344px; height: 229px;\" \/> <\/a> <\/div> <\/div> <!-- close group --> <\/div> <!-- close row --> <div class=\"gallery-row\" style=\"width: 700px; height: 312px;\" data-original-width=\"700\" data-original-height=\"312\" > <div class=\"gallery-group images-1\" style=\"width: 467px; height: 312px;\" data-original-width=\"467\" data-original-height=\"312\" > <div class=\"tiled-gallery-item tiled-gallery-item-large\" itemprop=\"associatedMedia\" itemscope itemtype=\"http:\/\/schema.org\/ImageObject\"> <a href=\"https:\/\/itayachtscanada.com\/fr\/listing\/sunseeker-95-yacht-2023-9499000-usd-for-sale\/screenshot-3834\/\" border=\"0\" itemprop=\"url\"> <meta itemprop=\"width\" content=\"463\"> <meta itemprop=\"height\" content=\"308\"> <img decoding=\"async\" class=\"\" data-attachment-id=\"165560\" data-orig-file=\"https:\/\/itayachtscanada.com\/wp-content\/uploads\/2024\/06\/Capture-decran-le-2024-06-08-a-13.08.11.jpg\" data-orig-size=\"1660,1104\" data-comments-opened=\"1\" data-image-meta=\"{&quot;aperture&quot;:&quot;0&quot;,&quot;credit&quot;:&quot;&quot;,&quot;camera&quot;:&quot;&quot;,&quot;caption&quot;:&quot;Screenshot&quot;,&quot;created_timestamp&quot;:&quot;0&quot;,&quot;copyright&quot;:&quot;&quot;,&quot;focal_length&quot;:&quot;0&quot;,&quot;iso&quot;:&quot;0&quot;,&quot;shutter_speed&quot;:&quot;0&quot;,&quot;title&quot;:&quot;Screenshot&quot;,&quot;orientation&quot;:&quot;1&quot;}\" data-image-title=\"Screenshot\" data-image-description=\"\" data-medium-file=\"https:\/\/i0.wp.com\/itayachtscanada.com\/wp-content\/uploads\/2024\/06\/Capture-decran-le-2024-06-08-a-13.08.11.jpg?fit=300%2C200&#038;ssl=1\" data-large-file=\"https:\/\/i0.wp.com\/itayachtscanada.com\/wp-content\/uploads\/2024\/06\/Capture-decran-le-2024-06-08-a-13.08.11.jpg?fit=700%2C466&#038;ssl=1\" src=\"https:\/\/i0.wp.com\/itayachtscanada.com\/wp-content\/uploads\/2024\/06\/Capture-decran-le-2024-06-08-a-13.08.11.jpg?w=463&#038;h=308&#038;ssl=1\" srcset=\"https:\/\/i0.wp.com\/itayachtscanada.com\/wp-content\/uploads\/2024\/06\/Capture-decran-le-2024-06-08-a-13.08.11.jpg?w=1660&amp;ssl=1 1660w, https:\/\/i0.wp.com\/itayachtscanada.com\/wp-content\/uploads\/2024\/06\/Capture-decran-le-2024-06-08-a-13.08.11.jpg?resize=300%2C200&amp;ssl=1 300w, https:\/\/i0.wp.com\/itayachtscanada.com\/wp-content\/uploads\/2024\/06\/Capture-decran-le-2024-06-08-a-13.08.11.jpg?resize=1024%2C681&amp;ssl=1 1024w, https:\/\/i0.wp.com\/itayachtscanada.com\/wp-content\/uploads\/2024\/06\/Capture-decran-le-2024-06-08-a-13.08.11.jpg?resize=768%2C511&amp;ssl=1 768w, https:\/\/i0.wp.com\/itayachtscanada.com\/wp-content\/uploads\/2024\/06\/Capture-decran-le-2024-06-08-a-13.08.11.jpg?resize=1536%2C1022&amp;ssl=1 1536w, https:\/\/i0.wp.com\/itayachtscanada.com\/wp-content\/uploads\/2024\/06\/Capture-decran-le-2024-06-08-a-13.08.11.jpg?resize=1200%2C798&amp;ssl=1 1200w, https:\/\/i0.wp.com\/itayachtscanada.com\/wp-content\/uploads\/2024\/06\/Capture-decran-le-2024-06-08-a-13.08.11.jpg?resize=700%2C466&amp;ssl=1 700w, https:\/\/i0.wp.com\/itayachtscanada.com\/wp-content\/uploads\/2024\/06\/Capture-decran-le-2024-06-08-a-13.08.11.jpg?resize=900%2C600&amp;ssl=1 900w, https:\/\/i0.wp.com\/itayachtscanada.com\/wp-content\/uploads\/2024\/06\/Capture-decran-le-2024-06-08-a-13.08.11.jpg?resize=601%2C400&amp;ssl=1 601w, https:\/\/i0.wp.com\/itayachtscanada.com\/wp-content\/uploads\/2024\/06\/Capture-decran-le-2024-06-08-a-13.08.11.jpg?w=1400&amp;ssl=1 1400w\" width=\"463\" height=\"308\" loading=\"lazy\" data-original-width=\"463\" data-original-height=\"308\" itemprop=\"http:\/\/schema.org\/image\" title=\"Screenshot\" alt=\"Sunseeker 95 Yacht 2023\" style=\"width: 463px; height: 308px;\" \/> <\/a> <div class=\"tiled-gallery-caption\" itemprop=\"caption description\"> Sunseeker 95 Yacht 2023 <\/div> <\/div> <\/div> <!-- close group --> <div class=\"gallery-group images-2\" style=\"width: 233px; height: 312px;\" data-original-width=\"233\" data-original-height=\"312\" > <div class=\"tiled-gallery-item tiled-gallery-item-small\" itemprop=\"associatedMedia\" itemscope itemtype=\"http:\/\/schema.org\/ImageObject\"> <a href=\"https:\/\/itayachtscanada.com\/fr\/listing\/sunseeker-95-yacht-2023-9499000-usd-for-sale\/screenshot-3835\/\" border=\"0\" itemprop=\"url\"> <meta itemprop=\"width\" content=\"229\"> <meta itemprop=\"height\" content=\"152\"> <img decoding=\"async\" class=\"\" data-attachment-id=\"165561\" data-orig-file=\"https:\/\/itayachtscanada.com\/wp-content\/uploads\/2024\/06\/Capture-decran-le-2024-06-08-a-13.08.08.jpg\" data-orig-size=\"1660,1104\" data-comments-opened=\"1\" data-image-meta=\"{&quot;aperture&quot;:&quot;0&quot;,&quot;credit&quot;:&quot;&quot;,&quot;camera&quot;:&quot;&quot;,&quot;caption&quot;:&quot;Screenshot&quot;,&quot;created_timestamp&quot;:&quot;0&quot;,&quot;copyright&quot;:&quot;&quot;,&quot;focal_length&quot;:&quot;0&quot;,&quot;iso&quot;:&quot;0&quot;,&quot;shutter_speed&quot;:&quot;0&quot;,&quot;title&quot;:&quot;Screenshot&quot;,&quot;orientation&quot;:&quot;1&quot;}\" data-image-title=\"Screenshot\" data-image-description=\"\" data-medium-file=\"https:\/\/i0.wp.com\/itayachtscanada.com\/wp-content\/uploads\/2024\/06\/Capture-decran-le-2024-06-08-a-13.08.08.jpg?fit=300%2C200&#038;ssl=1\" data-large-file=\"https:\/\/i0.wp.com\/itayachtscanada.com\/wp-content\/uploads\/2024\/06\/Capture-decran-le-2024-06-08-a-13.08.08.jpg?fit=700%2C466&#038;ssl=1\" src=\"https:\/\/i0.wp.com\/itayachtscanada.com\/wp-content\/uploads\/2024\/06\/Capture-decran-le-2024-06-08-a-13.08.08.jpg?w=229&#038;h=152&#038;ssl=1\" srcset=\"https:\/\/i0.wp.com\/itayachtscanada.com\/wp-content\/uploads\/2024\/06\/Capture-decran-le-2024-06-08-a-13.08.08.jpg?w=1660&amp;ssl=1 1660w, https:\/\/i0.wp.com\/itayachtscanada.com\/wp-content\/uploads\/2024\/06\/Capture-decran-le-2024-06-08-a-13.08.08.jpg?resize=300%2C200&amp;ssl=1 300w, https:\/\/i0.wp.com\/itayachtscanada.com\/wp-content\/uploads\/2024\/06\/Capture-decran-le-2024-06-08-a-13.08.08.jpg?resize=1024%2C681&amp;ssl=1 1024w, https:\/\/i0.wp.com\/itayachtscanada.com\/wp-content\/uploads\/2024\/06\/Capture-decran-le-2024-06-08-a-13.08.08.jpg?resize=768%2C511&amp;ssl=1 768w, https:\/\/i0.wp.com\/itayachtscanada.com\/wp-content\/uploads\/2024\/06\/Capture-decran-le-2024-06-08-a-13.08.08.jpg?resize=1536%2C1022&amp;ssl=1 1536w, https:\/\/i0.wp.com\/itayachtscanada.com\/wp-content\/uploads\/2024\/06\/Capture-decran-le-2024-06-08-a-13.08.08.jpg?resize=1200%2C798&amp;ssl=1 1200w, https:\/\/i0.wp.com\/itayachtscanada.com\/wp-content\/uploads\/2024\/06\/Capture-decran-le-2024-06-08-a-13.08.08.jpg?resize=700%2C466&amp;ssl=1 700w, https:\/\/i0.wp.com\/itayachtscanada.com\/wp-content\/uploads\/2024\/06\/Capture-decran-le-2024-06-08-a-13.08.08.jpg?resize=900%2C600&amp;ssl=1 900w, https:\/\/i0.wp.com\/itayachtscanada.com\/wp-content\/uploads\/2024\/06\/Capture-decran-le-2024-06-08-a-13.08.08.jpg?resize=601%2C400&amp;ssl=1 601w, https:\/\/i0.wp.com\/itayachtscanada.com\/wp-content\/uploads\/2024\/06\/Capture-decran-le-2024-06-08-a-13.08.08.jpg?w=1400&amp;ssl=1 1400w\" width=\"229\" height=\"152\" loading=\"lazy\" data-original-width=\"229\" data-original-height=\"152\" itemprop=\"http:\/\/schema.org\/image\" title=\"Screenshot\" alt=\"Screenshot\" style=\"width: 229px; height: 152px;\" \/> <\/a> <\/div> <div class=\"tiled-gallery-item tiled-gallery-item-small\" itemprop=\"associatedMedia\" itemscope itemtype=\"http:\/\/schema.org\/ImageObject\"> <a href=\"https:\/\/itayachtscanada.com\/fr\/listing\/sunseeker-95-yacht-2023-9499000-usd-for-sale\/screenshot-3836\/\" border=\"0\" itemprop=\"url\"> <meta itemprop=\"width\" content=\"229\"> <meta itemprop=\"height\" content=\"152\"> <img decoding=\"async\" class=\"\" data-attachment-id=\"165562\" data-orig-file=\"https:\/\/itayachtscanada.com\/wp-content\/uploads\/2024\/06\/Capture-decran-le-2024-06-08-a-13.08.05.jpg\" data-orig-size=\"1660,1104\" data-comments-opened=\"1\" data-image-meta=\"{&quot;aperture&quot;:&quot;0&quot;,&quot;credit&quot;:&quot;&quot;,&quot;camera&quot;:&quot;&quot;,&quot;caption&quot;:&quot;Screenshot&quot;,&quot;created_timestamp&quot;:&quot;0&quot;,&quot;copyright&quot;:&quot;&quot;,&quot;focal_length&quot;:&quot;0&quot;,&quot;iso&quot;:&quot;0&quot;,&quot;shutter_speed&quot;:&quot;0&quot;,&quot;title&quot;:&quot;Screenshot&quot;,&quot;orientation&quot;:&quot;1&quot;}\" data-image-title=\"Screenshot\" data-image-description=\"\" data-medium-file=\"https:\/\/i0.wp.com\/itayachtscanada.com\/wp-content\/uploads\/2024\/06\/Capture-decran-le-2024-06-08-a-13.08.05.jpg?fit=300%2C200&#038;ssl=1\" data-large-file=\"https:\/\/i0.wp.com\/itayachtscanada.com\/wp-content\/uploads\/2024\/06\/Capture-decran-le-2024-06-08-a-13.08.05.jpg?fit=700%2C466&#038;ssl=1\" src=\"https:\/\/i0.wp.com\/itayachtscanada.com\/wp-content\/uploads\/2024\/06\/Capture-decran-le-2024-06-08-a-13.08.05.jpg?w=229&#038;h=152&#038;ssl=1\" srcset=\"https:\/\/i0.wp.com\/itayachtscanada.com\/wp-content\/uploads\/2024\/06\/Capture-decran-le-2024-06-08-a-13.08.05.jpg?w=1660&amp;ssl=1 1660w, https:\/\/i0.wp.com\/itayachtscanada.com\/wp-content\/uploads\/2024\/06\/Capture-decran-le-2024-06-08-a-13.08.05.jpg?resize=300%2C200&amp;ssl=1 300w, https:\/\/i0.wp.com\/itayachtscanada.com\/wp-content\/uploads\/2024\/06\/Capture-decran-le-2024-06-08-a-13.08.05.jpg?resize=1024%2C681&amp;ssl=1 1024w, https:\/\/i0.wp.com\/itayachtscanada.com\/wp-content\/uploads\/2024\/06\/Capture-decran-le-2024-06-08-a-13.08.05.jpg?resize=768%2C511&amp;ssl=1 768w, https:\/\/i0.wp.com\/itayachtscanada.com\/wp-content\/uploads\/2024\/06\/Capture-decran-le-2024-06-08-a-13.08.05.jpg?resize=1536%2C1022&amp;ssl=1 1536w, https:\/\/i0.wp.com\/itayachtscanada.com\/wp-content\/uploads\/2024\/06\/Capture-decran-le-2024-06-08-a-13.08.05.jpg?resize=1200%2C798&amp;ssl=1 1200w, https:\/\/i0.wp.com\/itayachtscanada.com\/wp-content\/uploads\/2024\/06\/Capture-decran-le-2024-06-08-a-13.08.05.jpg?resize=700%2C466&amp;ssl=1 700w, https:\/\/i0.wp.com\/itayachtscanada.com\/wp-content\/uploads\/2024\/06\/Capture-decran-le-2024-06-08-a-13.08.05.jpg?resize=900%2C600&amp;ssl=1 900w, https:\/\/i0.wp.com\/itayachtscanada.com\/wp-content\/uploads\/2024\/06\/Capture-decran-le-2024-06-08-a-13.08.05.jpg?resize=601%2C400&amp;ssl=1 601w, https:\/\/i0.wp.com\/itayachtscanada.com\/wp-content\/uploads\/2024\/06\/Capture-decran-le-2024-06-08-a-13.08.05.jpg?w=1400&amp;ssl=1 1400w\" width=\"229\" height=\"152\" loading=\"lazy\" data-original-width=\"229\" data-original-height=\"152\" itemprop=\"http:\/\/schema.org\/image\" title=\"Screenshot\" alt=\"Screenshot\" style=\"width: 229px; height: 152px;\" \/> <\/a> <\/div> <\/div> <!-- close group --> <\/div> <!-- close row --> <div class=\"gallery-row\" style=\"width: 700px; height: 157px;\" data-original-width=\"700\" data-original-height=\"157\" > <div class=\"gallery-group images-1\" style=\"width: 234px; height: 157px;\" data-original-width=\"234\" data-original-height=\"157\" > <div class=\"tiled-gallery-item tiled-gallery-item-small\" itemprop=\"associatedMedia\" itemscope itemtype=\"http:\/\/schema.org\/ImageObject\"> <a href=\"https:\/\/itayachtscanada.com\/fr\/listing\/sunseeker-95-yacht-2023-9499000-usd-for-sale\/screenshot-3837\/\" border=\"0\" itemprop=\"url\"> <meta itemprop=\"width\" content=\"230\"> <meta itemprop=\"height\" content=\"153\"> <img decoding=\"async\" class=\"\" data-attachment-id=\"165563\" data-orig-file=\"https:\/\/itayachtscanada.com\/wp-content\/uploads\/2024\/06\/Capture-decran-le-2024-06-08-a-13.08.02.jpg\" data-orig-size=\"1660,1104\" data-comments-opened=\"1\" data-image-meta=\"{&quot;aperture&quot;:&quot;0&quot;,&quot;credit&quot;:&quot;&quot;,&quot;camera&quot;:&quot;&quot;,&quot;caption&quot;:&quot;Screenshot&quot;,&quot;created_timestamp&quot;:&quot;0&quot;,&quot;copyright&quot;:&quot;&quot;,&quot;focal_length&quot;:&quot;0&quot;,&quot;iso&quot;:&quot;0&quot;,&quot;shutter_speed&quot;:&quot;0&quot;,&quot;title&quot;:&quot;Screenshot&quot;,&quot;orientation&quot;:&quot;1&quot;}\" data-image-title=\"Screenshot\" data-image-description=\"\" data-medium-file=\"https:\/\/i0.wp.com\/itayachtscanada.com\/wp-content\/uploads\/2024\/06\/Capture-decran-le-2024-06-08-a-13.08.02.jpg?fit=300%2C200&#038;ssl=1\" data-large-file=\"https:\/\/i0.wp.com\/itayachtscanada.com\/wp-content\/uploads\/2024\/06\/Capture-decran-le-2024-06-08-a-13.08.02.jpg?fit=700%2C466&#038;ssl=1\" src=\"https:\/\/i0.wp.com\/itayachtscanada.com\/wp-content\/uploads\/2024\/06\/Capture-decran-le-2024-06-08-a-13.08.02.jpg?w=230&#038;h=153&#038;ssl=1\" srcset=\"https:\/\/i0.wp.com\/itayachtscanada.com\/wp-content\/uploads\/2024\/06\/Capture-decran-le-2024-06-08-a-13.08.02.jpg?w=1660&amp;ssl=1 1660w, https:\/\/i0.wp.com\/itayachtscanada.com\/wp-content\/uploads\/2024\/06\/Capture-decran-le-2024-06-08-a-13.08.02.jpg?resize=300%2C200&amp;ssl=1 300w, https:\/\/i0.wp.com\/itayachtscanada.com\/wp-content\/uploads\/2024\/06\/Capture-decran-le-2024-06-08-a-13.08.02.jpg?resize=1024%2C681&amp;ssl=1 1024w, https:\/\/i0.wp.com\/itayachtscanada.com\/wp-content\/uploads\/2024\/06\/Capture-decran-le-2024-06-08-a-13.08.02.jpg?resize=768%2C511&amp;ssl=1 768w, https:\/\/i0.wp.com\/itayachtscanada.com\/wp-content\/uploads\/2024\/06\/Capture-decran-le-2024-06-08-a-13.08.02.jpg?resize=1536%2C1022&amp;ssl=1 1536w, https:\/\/i0.wp.com\/itayachtscanada.com\/wp-content\/uploads\/2024\/06\/Capture-decran-le-2024-06-08-a-13.08.02.jpg?resize=1200%2C798&amp;ssl=1 1200w, https:\/\/i0.wp.com\/itayachtscanada.com\/wp-content\/uploads\/2024\/06\/Capture-decran-le-2024-06-08-a-13.08.02.jpg?resize=700%2C466&amp;ssl=1 700w, https:\/\/i0.wp.com\/itayachtscanada.com\/wp-content\/uploads\/2024\/06\/Capture-decran-le-2024-06-08-a-13.08.02.jpg?resize=900%2C600&amp;ssl=1 900w, https:\/\/i0.wp.com\/itayachtscanada.com\/wp-content\/uploads\/2024\/06\/Capture-decran-le-2024-06-08-a-13.08.02.jpg?resize=601%2C400&amp;ssl=1 601w, https:\/\/i0.wp.com\/itayachtscanada.com\/wp-content\/uploads\/2024\/06\/Capture-decran-le-2024-06-08-a-13.08.02.jpg?w=1400&amp;ssl=1 1400w\" width=\"230\" height=\"153\" loading=\"lazy\" data-original-width=\"230\" data-original-height=\"153\" itemprop=\"http:\/\/schema.org\/image\" title=\"Screenshot\" alt=\"Screenshot\" style=\"width: 230px; height: 153px;\" \/> <\/a> <\/div> <\/div> <!-- close group --> <div class=\"gallery-group images-1\" style=\"width: 233px; height: 157px;\" data-original-width=\"233\" data-original-height=\"157\" > <div class=\"tiled-gallery-item tiled-gallery-item-small\" itemprop=\"associatedMedia\" itemscope itemtype=\"http:\/\/schema.org\/ImageObject\"> <a href=\"https:\/\/itayachtscanada.com\/fr\/listing\/sunseeker-95-yacht-2023-9499000-usd-for-sale\/screenshot-3838\/\" border=\"0\" itemprop=\"url\"> <meta itemprop=\"width\" content=\"229\"> <meta itemprop=\"height\" content=\"153\"> <img decoding=\"async\" class=\"\" data-attachment-id=\"165564\" data-orig-file=\"https:\/\/itayachtscanada.com\/wp-content\/uploads\/2024\/06\/Capture-decran-le-2024-06-08-a-13.07.59.jpg\" data-orig-size=\"1660,1104\" data-comments-opened=\"1\" data-image-meta=\"{&quot;aperture&quot;:&quot;0&quot;,&quot;credit&quot;:&quot;&quot;,&quot;camera&quot;:&quot;&quot;,&quot;caption&quot;:&quot;Screenshot&quot;,&quot;created_timestamp&quot;:&quot;0&quot;,&quot;copyright&quot;:&quot;&quot;,&quot;focal_length&quot;:&quot;0&quot;,&quot;iso&quot;:&quot;0&quot;,&quot;shutter_speed&quot;:&quot;0&quot;,&quot;title&quot;:&quot;Screenshot&quot;,&quot;orientation&quot;:&quot;1&quot;}\" data-image-title=\"Screenshot\" data-image-description=\"\" data-medium-file=\"https:\/\/i0.wp.com\/itayachtscanada.com\/wp-content\/uploads\/2024\/06\/Capture-decran-le-2024-06-08-a-13.07.59.jpg?fit=300%2C200&#038;ssl=1\" data-large-file=\"https:\/\/i0.wp.com\/itayachtscanada.com\/wp-content\/uploads\/2024\/06\/Capture-decran-le-2024-06-08-a-13.07.59.jpg?fit=700%2C466&#038;ssl=1\" src=\"https:\/\/i0.wp.com\/itayachtscanada.com\/wp-content\/uploads\/2024\/06\/Capture-decran-le-2024-06-08-a-13.07.59.jpg?w=229&#038;h=153&#038;ssl=1\" srcset=\"https:\/\/i0.wp.com\/itayachtscanada.com\/wp-content\/uploads\/2024\/06\/Capture-decran-le-2024-06-08-a-13.07.59.jpg?w=1660&amp;ssl=1 1660w, https:\/\/i0.wp.com\/itayachtscanada.com\/wp-content\/uploads\/2024\/06\/Capture-decran-le-2024-06-08-a-13.07.59.jpg?resize=300%2C200&amp;ssl=1 300w, https:\/\/i0.wp.com\/itayachtscanada.com\/wp-content\/uploads\/2024\/06\/Capture-decran-le-2024-06-08-a-13.07.59.jpg?resize=1024%2C681&amp;ssl=1 1024w, https:\/\/i0.wp.com\/itayachtscanada.com\/wp-content\/uploads\/2024\/06\/Capture-decran-le-2024-06-08-a-13.07.59.jpg?resize=768%2C511&amp;ssl=1 768w, https:\/\/i0.wp.com\/itayachtscanada.com\/wp-content\/uploads\/2024\/06\/Capture-decran-le-2024-06-08-a-13.07.59.jpg?resize=1536%2C1022&amp;ssl=1 1536w, https:\/\/i0.wp.com\/itayachtscanada.com\/wp-content\/uploads\/2024\/06\/Capture-decran-le-2024-06-08-a-13.07.59.jpg?resize=1200%2C798&amp;ssl=1 1200w, https:\/\/i0.wp.com\/itayachtscanada.com\/wp-content\/uploads\/2024\/06\/Capture-decran-le-2024-06-08-a-13.07.59.jpg?resize=700%2C466&amp;ssl=1 700w, https:\/\/i0.wp.com\/itayachtscanada.com\/wp-content\/uploads\/2024\/06\/Capture-decran-le-2024-06-08-a-13.07.59.jpg?resize=900%2C600&amp;ssl=1 900w, https:\/\/i0.wp.com\/itayachtscanada.com\/wp-content\/uploads\/2024\/06\/Capture-decran-le-2024-06-08-a-13.07.59.jpg?resize=601%2C400&amp;ssl=1 601w, https:\/\/i0.wp.com\/itayachtscanada.com\/wp-content\/uploads\/2024\/06\/Capture-decran-le-2024-06-08-a-13.07.59.jpg?w=1400&amp;ssl=1 1400w\" width=\"229\" height=\"153\" loading=\"lazy\" data-original-width=\"229\" data-original-height=\"153\" itemprop=\"http:\/\/schema.org\/image\" title=\"Screenshot\" alt=\"Screenshot\" style=\"width: 229px; height: 153px;\" \/> <\/a> <\/div> <\/div> <!-- close group --> <div class=\"gallery-group images-1\" style=\"width: 233px; height: 157px;\" data-original-width=\"233\" data-original-height=\"157\" > <div class=\"tiled-gallery-item tiled-gallery-item-small\" itemprop=\"associatedMedia\" itemscope itemtype=\"http:\/\/schema.org\/ImageObject\"> <a href=\"https:\/\/itayachtscanada.com\/fr\/listing\/sunseeker-95-yacht-2023-9499000-usd-for-sale\/screenshot-3839\/\" border=\"0\" itemprop=\"url\"> <meta itemprop=\"width\" content=\"229\"> <meta itemprop=\"height\" content=\"153\"> <img decoding=\"async\" class=\"\" data-attachment-id=\"165565\" data-orig-file=\"https:\/\/itayachtscanada.com\/wp-content\/uploads\/2024\/06\/Capture-decran-le-2024-06-08-a-13.07.56.jpg\" data-orig-size=\"1660,1104\" data-comments-opened=\"1\" data-image-meta=\"{&quot;aperture&quot;:&quot;0&quot;,&quot;credit&quot;:&quot;&quot;,&quot;camera&quot;:&quot;&quot;,&quot;caption&quot;:&quot;Screenshot&quot;,&quot;created_timestamp&quot;:&quot;0&quot;,&quot;copyright&quot;:&quot;&quot;,&quot;focal_length&quot;:&quot;0&quot;,&quot;iso&quot;:&quot;0&quot;,&quot;shutter_speed&quot;:&quot;0&quot;,&quot;title&quot;:&quot;Screenshot&quot;,&quot;orientation&quot;:&quot;1&quot;}\" data-image-title=\"Screenshot\" data-image-description=\"\" data-medium-file=\"https:\/\/i0.wp.com\/itayachtscanada.com\/wp-content\/uploads\/2024\/06\/Capture-decran-le-2024-06-08-a-13.07.56.jpg?fit=300%2C200&#038;ssl=1\" data-large-file=\"https:\/\/i0.wp.com\/itayachtscanada.com\/wp-content\/uploads\/2024\/06\/Capture-decran-le-2024-06-08-a-13.07.56.jpg?fit=700%2C466&#038;ssl=1\" src=\"https:\/\/i0.wp.com\/itayachtscanada.com\/wp-content\/uploads\/2024\/06\/Capture-decran-le-2024-06-08-a-13.07.56.jpg?w=229&#038;h=153&#038;ssl=1\" srcset=\"https:\/\/i0.wp.com\/itayachtscanada.com\/wp-content\/uploads\/2024\/06\/Capture-decran-le-2024-06-08-a-13.07.56.jpg?w=1660&amp;ssl=1 1660w, https:\/\/i0.wp.com\/itayachtscanada.com\/wp-content\/uploads\/2024\/06\/Capture-decran-le-2024-06-08-a-13.07.56.jpg?resize=300%2C200&amp;ssl=1 300w, https:\/\/i0.wp.com\/itayachtscanada.com\/wp-content\/uploads\/2024\/06\/Capture-decran-le-2024-06-08-a-13.07.56.jpg?resize=1024%2C681&amp;ssl=1 1024w, https:\/\/i0.wp.com\/itayachtscanada.com\/wp-content\/uploads\/2024\/06\/Capture-decran-le-2024-06-08-a-13.07.56.jpg?resize=768%2C511&amp;ssl=1 768w, https:\/\/i0.wp.com\/itayachtscanada.com\/wp-content\/uploads\/2024\/06\/Capture-decran-le-2024-06-08-a-13.07.56.jpg?resize=1536%2C1022&amp;ssl=1 1536w, https:\/\/i0.wp.com\/itayachtscanada.com\/wp-content\/uploads\/2024\/06\/Capture-decran-le-2024-06-08-a-13.07.56.jpg?resize=1200%2C798&amp;ssl=1 1200w, https:\/\/i0.wp.com\/itayachtscanada.com\/wp-content\/uploads\/2024\/06\/Capture-decran-le-2024-06-08-a-13.07.56.jpg?resize=700%2C466&amp;ssl=1 700w, https:\/\/i0.wp.com\/itayachtscanada.com\/wp-content\/uploads\/2024\/06\/Capture-decran-le-2024-06-08-a-13.07.56.jpg?resize=900%2C600&amp;ssl=1 900w, https:\/\/i0.wp.com\/itayachtscanada.com\/wp-content\/uploads\/2024\/06\/Capture-decran-le-2024-06-08-a-13.07.56.jpg?resize=601%2C400&amp;ssl=1 601w, https:\/\/i0.wp.com\/itayachtscanada.com\/wp-content\/uploads\/2024\/06\/Capture-decran-le-2024-06-08-a-13.07.56.jpg?w=1400&amp;ssl=1 1400w\" width=\"229\" height=\"153\" loading=\"lazy\" data-original-width=\"229\" data-original-height=\"153\" itemprop=\"http:\/\/schema.org\/image\" title=\"Screenshot\" alt=\"Screenshot\" style=\"width: 229px; height: 153px;\" \/> <\/a> <\/div> <\/div> <!-- close group --> <\/div> <!-- close row --> <div class=\"gallery-row\" style=\"width: 700px; height: 312px;\" data-original-width=\"700\" data-original-height=\"312\" > <div class=\"gallery-group images-2\" style=\"width: 233px; height: 312px;\" data-original-width=\"233\" data-original-height=\"312\" > <div class=\"tiled-gallery-item tiled-gallery-item-small\" itemprop=\"associatedMedia\" itemscope itemtype=\"http:\/\/schema.org\/ImageObject\"> <a href=\"https:\/\/itayachtscanada.com\/fr\/listing\/sunseeker-95-yacht-2023-9499000-usd-for-sale\/screenshot-3840\/\" border=\"0\" itemprop=\"url\"> <meta itemprop=\"width\" content=\"229\"> <meta itemprop=\"height\" content=\"152\"> <img decoding=\"async\" class=\"\" data-attachment-id=\"165566\" data-orig-file=\"https:\/\/itayachtscanada.com\/wp-content\/uploads\/2024\/06\/Capture-decran-le-2024-06-08-a-13.07.53.jpg\" data-orig-size=\"1660,1104\" data-comments-opened=\"1\" data-image-meta=\"{&quot;aperture&quot;:&quot;0&quot;,&quot;credit&quot;:&quot;&quot;,&quot;camera&quot;:&quot;&quot;,&quot;caption&quot;:&quot;Screenshot&quot;,&quot;created_timestamp&quot;:&quot;0&quot;,&quot;copyright&quot;:&quot;&quot;,&quot;focal_length&quot;:&quot;0&quot;,&quot;iso&quot;:&quot;0&quot;,&quot;shutter_speed&quot;:&quot;0&quot;,&quot;title&quot;:&quot;Screenshot&quot;,&quot;orientation&quot;:&quot;1&quot;}\" data-image-title=\"Screenshot\" data-image-description=\"\" data-medium-file=\"https:\/\/i0.wp.com\/itayachtscanada.com\/wp-content\/uploads\/2024\/06\/Capture-decran-le-2024-06-08-a-13.07.53.jpg?fit=300%2C200&#038;ssl=1\" data-large-file=\"https:\/\/i0.wp.com\/itayachtscanada.com\/wp-content\/uploads\/2024\/06\/Capture-decran-le-2024-06-08-a-13.07.53.jpg?fit=700%2C466&#038;ssl=1\" src=\"https:\/\/i0.wp.com\/itayachtscanada.com\/wp-content\/uploads\/2024\/06\/Capture-decran-le-2024-06-08-a-13.07.53.jpg?w=229&#038;h=152&#038;ssl=1\" srcset=\"https:\/\/i0.wp.com\/itayachtscanada.com\/wp-content\/uploads\/2024\/06\/Capture-decran-le-2024-06-08-a-13.07.53.jpg?w=1660&amp;ssl=1 1660w, https:\/\/i0.wp.com\/itayachtscanada.com\/wp-content\/uploads\/2024\/06\/Capture-decran-le-2024-06-08-a-13.07.53.jpg?resize=300%2C200&amp;ssl=1 300w, https:\/\/i0.wp.com\/itayachtscanada.com\/wp-content\/uploads\/2024\/06\/Capture-decran-le-2024-06-08-a-13.07.53.jpg?resize=1024%2C681&amp;ssl=1 1024w, https:\/\/i0.wp.com\/itayachtscanada.com\/wp-content\/uploads\/2024\/06\/Capture-decran-le-2024-06-08-a-13.07.53.jpg?resize=768%2C511&amp;ssl=1 768w, https:\/\/i0.wp.com\/itayachtscanada.com\/wp-content\/uploads\/2024\/06\/Capture-decran-le-2024-06-08-a-13.07.53.jpg?resize=1536%2C1022&amp;ssl=1 1536w, https:\/\/i0.wp.com\/itayachtscanada.com\/wp-content\/uploads\/2024\/06\/Capture-decran-le-2024-06-08-a-13.07.53.jpg?resize=1200%2C798&amp;ssl=1 1200w, https:\/\/i0.wp.com\/itayachtscanada.com\/wp-content\/uploads\/2024\/06\/Capture-decran-le-2024-06-08-a-13.07.53.jpg?resize=700%2C466&amp;ssl=1 700w, https:\/\/i0.wp.com\/itayachtscanada.com\/wp-content\/uploads\/2024\/06\/Capture-decran-le-2024-06-08-a-13.07.53.jpg?resize=900%2C600&amp;ssl=1 900w, https:\/\/i0.wp.com\/itayachtscanada.com\/wp-content\/uploads\/2024\/06\/Capture-decran-le-2024-06-08-a-13.07.53.jpg?resize=601%2C400&amp;ssl=1 601w, https:\/\/i0.wp.com\/itayachtscanada.com\/wp-content\/uploads\/2024\/06\/Capture-decran-le-2024-06-08-a-13.07.53.jpg?w=1400&amp;ssl=1 1400w\" width=\"229\" height=\"152\" loading=\"lazy\" data-original-width=\"229\" data-original-height=\"152\" itemprop=\"http:\/\/schema.org\/image\" title=\"Screenshot\" alt=\"Screenshot\" style=\"width: 229px; height: 152px;\" \/> <\/a> <\/div> <div class=\"tiled-gallery-item tiled-gallery-item-small\" itemprop=\"associatedMedia\" itemscope itemtype=\"http:\/\/schema.org\/ImageObject\"> <a href=\"https:\/\/itayachtscanada.com\/fr\/listing\/sunseeker-95-yacht-2023-9499000-usd-for-sale\/screenshot-3841\/\" border=\"0\" itemprop=\"url\"> <meta itemprop=\"width\" content=\"229\"> <meta itemprop=\"height\" content=\"152\"> <img decoding=\"async\" class=\"\" data-attachment-id=\"165567\" data-orig-file=\"https:\/\/itayachtscanada.com\/wp-content\/uploads\/2024\/06\/Capture-decran-le-2024-06-08-a-13.07.50.jpg\" data-orig-size=\"1660,1104\" data-comments-opened=\"1\" data-image-meta=\"{&quot;aperture&quot;:&quot;0&quot;,&quot;credit&quot;:&quot;&quot;,&quot;camera&quot;:&quot;&quot;,&quot;caption&quot;:&quot;Screenshot&quot;,&quot;created_timestamp&quot;:&quot;0&quot;,&quot;copyright&quot;:&quot;&quot;,&quot;focal_length&quot;:&quot;0&quot;,&quot;iso&quot;:&quot;0&quot;,&quot;shutter_speed&quot;:&quot;0&quot;,&quot;title&quot;:&quot;Screenshot&quot;,&quot;orientation&quot;:&quot;1&quot;}\" data-image-title=\"Screenshot\" data-image-description=\"\" data-medium-file=\"https:\/\/i0.wp.com\/itayachtscanada.com\/wp-content\/uploads\/2024\/06\/Capture-decran-le-2024-06-08-a-13.07.50.jpg?fit=300%2C200&#038;ssl=1\" data-large-file=\"https:\/\/i0.wp.com\/itayachtscanada.com\/wp-content\/uploads\/2024\/06\/Capture-decran-le-2024-06-08-a-13.07.50.jpg?fit=700%2C466&#038;ssl=1\" src=\"https:\/\/i0.wp.com\/itayachtscanada.com\/wp-content\/uploads\/2024\/06\/Capture-decran-le-2024-06-08-a-13.07.50.jpg?w=229&#038;h=152&#038;ssl=1\" srcset=\"https:\/\/i0.wp.com\/itayachtscanada.com\/wp-content\/uploads\/2024\/06\/Capture-decran-le-2024-06-08-a-13.07.50.jpg?w=1660&amp;ssl=1 1660w, https:\/\/i0.wp.com\/itayachtscanada.com\/wp-content\/uploads\/2024\/06\/Capture-decran-le-2024-06-08-a-13.07.50.jpg?resize=300%2C200&amp;ssl=1 300w, https:\/\/i0.wp.com\/itayachtscanada.com\/wp-content\/uploads\/2024\/06\/Capture-decran-le-2024-06-08-a-13.07.50.jpg?resize=1024%2C681&amp;ssl=1 1024w, https:\/\/i0.wp.com\/itayachtscanada.com\/wp-content\/uploads\/2024\/06\/Capture-decran-le-2024-06-08-a-13.07.50.jpg?resize=768%2C511&amp;ssl=1 768w, https:\/\/i0.wp.com\/itayachtscanada.com\/wp-content\/uploads\/2024\/06\/Capture-decran-le-2024-06-08-a-13.07.50.jpg?resize=1536%2C1022&amp;ssl=1 1536w, https:\/\/i0.wp.com\/itayachtscanada.com\/wp-content\/uploads\/2024\/06\/Capture-decran-le-2024-06-08-a-13.07.50.jpg?resize=1200%2C798&amp;ssl=1 1200w, https:\/\/i0.wp.com\/itayachtscanada.com\/wp-content\/uploads\/2024\/06\/Capture-decran-le-2024-06-08-a-13.07.50.jpg?resize=700%2C466&amp;ssl=1 700w, https:\/\/i0.wp.com\/itayachtscanada.com\/wp-content\/uploads\/2024\/06\/Capture-decran-le-2024-06-08-a-13.07.50.jpg?resize=900%2C600&amp;ssl=1 900w, https:\/\/i0.wp.com\/itayachtscanada.com\/wp-content\/uploads\/2024\/06\/Capture-decran-le-2024-06-08-a-13.07.50.jpg?resize=601%2C400&amp;ssl=1 601w, https:\/\/i0.wp.com\/itayachtscanada.com\/wp-content\/uploads\/2024\/06\/Capture-decran-le-2024-06-08-a-13.07.50.jpg?w=1400&amp;ssl=1 1400w\" width=\"229\" height=\"152\" loading=\"lazy\" data-original-width=\"229\" data-original-height=\"152\" itemprop=\"http:\/\/schema.org\/image\" title=\"Screenshot\" alt=\"Screenshot\" style=\"width: 229px; height: 152px;\" \/> <\/a> <\/div> <\/div> <!-- close group --> <div class=\"gallery-group images-1\" style=\"width: 467px; height: 312px;\" data-original-width=\"467\" data-original-height=\"312\" > <div class=\"tiled-gallery-item tiled-gallery-item-large\" itemprop=\"associatedMedia\" itemscope itemtype=\"http:\/\/schema.org\/ImageObject\"> <a href=\"https:\/\/itayachtscanada.com\/fr\/listing\/sunseeker-95-yacht-2023-9499000-usd-for-sale\/screenshot-3842\/\" border=\"0\" itemprop=\"url\"> <meta itemprop=\"width\" content=\"463\"> <meta itemprop=\"height\" content=\"308\"> <img decoding=\"async\" class=\"\" data-attachment-id=\"165568\" data-orig-file=\"https:\/\/itayachtscanada.com\/wp-content\/uploads\/2024\/06\/Capture-decran-le-2024-06-08-a-13.07.48.jpg\" data-orig-size=\"1660,1104\" data-comments-opened=\"1\" data-image-meta=\"{&quot;aperture&quot;:&quot;0&quot;,&quot;credit&quot;:&quot;&quot;,&quot;camera&quot;:&quot;&quot;,&quot;caption&quot;:&quot;Screenshot&quot;,&quot;created_timestamp&quot;:&quot;0&quot;,&quot;copyright&quot;:&quot;&quot;,&quot;focal_length&quot;:&quot;0&quot;,&quot;iso&quot;:&quot;0&quot;,&quot;shutter_speed&quot;:&quot;0&quot;,&quot;title&quot;:&quot;Screenshot&quot;,&quot;orientation&quot;:&quot;1&quot;}\" data-image-title=\"Screenshot\" data-image-description=\"\" data-medium-file=\"https:\/\/i0.wp.com\/itayachtscanada.com\/wp-content\/uploads\/2024\/06\/Capture-decran-le-2024-06-08-a-13.07.48.jpg?fit=300%2C200&#038;ssl=1\" data-large-file=\"https:\/\/i0.wp.com\/itayachtscanada.com\/wp-content\/uploads\/2024\/06\/Capture-decran-le-2024-06-08-a-13.07.48.jpg?fit=700%2C466&#038;ssl=1\" src=\"https:\/\/i0.wp.com\/itayachtscanada.com\/wp-content\/uploads\/2024\/06\/Capture-decran-le-2024-06-08-a-13.07.48.jpg?w=463&#038;h=308&#038;ssl=1\" srcset=\"https:\/\/i0.wp.com\/itayachtscanada.com\/wp-content\/uploads\/2024\/06\/Capture-decran-le-2024-06-08-a-13.07.48.jpg?w=1660&amp;ssl=1 1660w, https:\/\/i0.wp.com\/itayachtscanada.com\/wp-content\/uploads\/2024\/06\/Capture-decran-le-2024-06-08-a-13.07.48.jpg?resize=300%2C200&amp;ssl=1 300w, https:\/\/i0.wp.com\/itayachtscanada.com\/wp-content\/uploads\/2024\/06\/Capture-decran-le-2024-06-08-a-13.07.48.jpg?resize=1024%2C681&amp;ssl=1 1024w, https:\/\/i0.wp.com\/itayachtscanada.com\/wp-content\/uploads\/2024\/06\/Capture-decran-le-2024-06-08-a-13.07.48.jpg?resize=768%2C511&amp;ssl=1 768w, https:\/\/i0.wp.com\/itayachtscanada.com\/wp-content\/uploads\/2024\/06\/Capture-decran-le-2024-06-08-a-13.07.48.jpg?resize=1536%2C1022&amp;ssl=1 1536w, https:\/\/i0.wp.com\/itayachtscanada.com\/wp-content\/uploads\/2024\/06\/Capture-decran-le-2024-06-08-a-13.07.48.jpg?resize=1200%2C798&amp;ssl=1 1200w, https:\/\/i0.wp.com\/itayachtscanada.com\/wp-content\/uploads\/2024\/06\/Capture-decran-le-2024-06-08-a-13.07.48.jpg?resize=700%2C466&amp;ssl=1 700w, https:\/\/i0.wp.com\/itayachtscanada.com\/wp-content\/uploads\/2024\/06\/Capture-decran-le-2024-06-08-a-13.07.48.jpg?resize=900%2C600&amp;ssl=1 900w, https:\/\/i0.wp.com\/itayachtscanada.com\/wp-content\/uploads\/2024\/06\/Capture-decran-le-2024-06-08-a-13.07.48.jpg?resize=601%2C400&amp;ssl=1 601w, https:\/\/i0.wp.com\/itayachtscanada.com\/wp-content\/uploads\/2024\/06\/Capture-decran-le-2024-06-08-a-13.07.48.jpg?w=1400&amp;ssl=1 1400w\" width=\"463\" height=\"308\" loading=\"lazy\" data-original-width=\"463\" data-original-height=\"308\" itemprop=\"http:\/\/schema.org\/image\" title=\"Screenshot\" alt=\"Screenshot\" style=\"width: 463px; height: 308px;\" \/> <\/a> <\/div> <\/div> <!-- close group --> <\/div> <!-- close row --> <div class=\"gallery-row\" style=\"width: 700px; height: 234px;\" data-original-width=\"700\" data-original-height=\"234\" > <div class=\"gallery-group images-1\" style=\"width: 350px; height: 234px;\" data-original-width=\"350\" data-original-height=\"234\" > <div class=\"tiled-gallery-item tiled-gallery-item-large\" itemprop=\"associatedMedia\" itemscope itemtype=\"http:\/\/schema.org\/ImageObject\"> <a href=\"https:\/\/itayachtscanada.com\/fr\/listing\/sunseeker-95-yacht-2023-9499000-usd-for-sale\/screenshot-3843\/\" border=\"0\" itemprop=\"url\"> <meta itemprop=\"width\" content=\"346\"> <meta itemprop=\"height\" content=\"230\"> <img decoding=\"async\" class=\"\" data-attachment-id=\"165569\" data-orig-file=\"https:\/\/itayachtscanada.com\/wp-content\/uploads\/2024\/06\/Capture-decran-le-2024-06-08-a-13.07.45.jpg\" data-orig-size=\"1660,1104\" data-comments-opened=\"1\" data-image-meta=\"{&quot;aperture&quot;:&quot;0&quot;,&quot;credit&quot;:&quot;&quot;,&quot;camera&quot;:&quot;&quot;,&quot;caption&quot;:&quot;Screenshot&quot;,&quot;created_timestamp&quot;:&quot;0&quot;,&quot;copyright&quot;:&quot;&quot;,&quot;focal_length&quot;:&quot;0&quot;,&quot;iso&quot;:&quot;0&quot;,&quot;shutter_speed&quot;:&quot;0&quot;,&quot;title&quot;:&quot;Screenshot&quot;,&quot;orientation&quot;:&quot;1&quot;}\" data-image-title=\"Screenshot\" data-image-description=\"\" data-medium-file=\"https:\/\/i0.wp.com\/itayachtscanada.com\/wp-content\/uploads\/2024\/06\/Capture-decran-le-2024-06-08-a-13.07.45.jpg?fit=300%2C200&#038;ssl=1\" data-large-file=\"https:\/\/i0.wp.com\/itayachtscanada.com\/wp-content\/uploads\/2024\/06\/Capture-decran-le-2024-06-08-a-13.07.45.jpg?fit=700%2C466&#038;ssl=1\" src=\"https:\/\/i0.wp.com\/itayachtscanada.com\/wp-content\/uploads\/2024\/06\/Capture-decran-le-2024-06-08-a-13.07.45.jpg?w=346&#038;h=230&#038;ssl=1\" srcset=\"https:\/\/i0.wp.com\/itayachtscanada.com\/wp-content\/uploads\/2024\/06\/Capture-decran-le-2024-06-08-a-13.07.45.jpg?w=1660&amp;ssl=1 1660w, https:\/\/i0.wp.com\/itayachtscanada.com\/wp-content\/uploads\/2024\/06\/Capture-decran-le-2024-06-08-a-13.07.45.jpg?resize=300%2C200&amp;ssl=1 300w, https:\/\/i0.wp.com\/itayachtscanada.com\/wp-content\/uploads\/2024\/06\/Capture-decran-le-2024-06-08-a-13.07.45.jpg?resize=1024%2C681&amp;ssl=1 1024w, https:\/\/i0.wp.com\/itayachtscanada.com\/wp-content\/uploads\/2024\/06\/Capture-decran-le-2024-06-08-a-13.07.45.jpg?resize=768%2C511&amp;ssl=1 768w, https:\/\/i0.wp.com\/itayachtscanada.com\/wp-content\/uploads\/2024\/06\/Capture-decran-le-2024-06-08-a-13.07.45.jpg?resize=1536%2C1022&amp;ssl=1 1536w, https:\/\/i0.wp.com\/itayachtscanada.com\/wp-content\/uploads\/2024\/06\/Capture-decran-le-2024-06-08-a-13.07.45.jpg?resize=1200%2C798&amp;ssl=1 1200w, https:\/\/i0.wp.com\/itayachtscanada.com\/wp-content\/uploads\/2024\/06\/Capture-decran-le-2024-06-08-a-13.07.45.jpg?resize=700%2C466&amp;ssl=1 700w, https:\/\/i0.wp.com\/itayachtscanada.com\/wp-content\/uploads\/2024\/06\/Capture-decran-le-2024-06-08-a-13.07.45.jpg?resize=900%2C600&amp;ssl=1 900w, https:\/\/i0.wp.com\/itayachtscanada.com\/wp-content\/uploads\/2024\/06\/Capture-decran-le-2024-06-08-a-13.07.45.jpg?resize=601%2C400&amp;ssl=1 601w, https:\/\/i0.wp.com\/itayachtscanada.com\/wp-content\/uploads\/2024\/06\/Capture-decran-le-2024-06-08-a-13.07.45.jpg?w=1400&amp;ssl=1 1400w\" width=\"346\" height=\"230\" loading=\"lazy\" data-original-width=\"346\" data-original-height=\"230\" itemprop=\"http:\/\/schema.org\/image\" title=\"Screenshot\" alt=\"Screenshot\" style=\"width: 346px; height: 230px;\" \/> <\/a> <\/div> <\/div> <!-- close group --> <div class=\"gallery-group images-1\" style=\"width: 350px; height: 234px;\" data-original-width=\"350\" data-original-height=\"234\" > <div class=\"tiled-gallery-item tiled-gallery-item-large\" itemprop=\"associatedMedia\" itemscope itemtype=\"http:\/\/schema.org\/ImageObject\"> <a href=\"https:\/\/itayachtscanada.com\/fr\/listing\/sunseeker-95-yacht-2023-9499000-usd-for-sale\/screenshot-3844\/\" border=\"0\" itemprop=\"url\"> <meta itemprop=\"width\" content=\"346\"> <meta itemprop=\"height\" content=\"230\"> <img decoding=\"async\" class=\"\" data-attachment-id=\"165570\" data-orig-file=\"https:\/\/itayachtscanada.com\/wp-content\/uploads\/2024\/06\/Capture-decran-le-2024-06-08-a-13.07.42.jpg\" data-orig-size=\"1660,1104\" data-comments-opened=\"1\" data-image-meta=\"{&quot;aperture&quot;:&quot;0&quot;,&quot;credit&quot;:&quot;&quot;,&quot;camera&quot;:&quot;&quot;,&quot;caption&quot;:&quot;Screenshot&quot;,&quot;created_timestamp&quot;:&quot;0&quot;,&quot;copyright&quot;:&quot;&quot;,&quot;focal_length&quot;:&quot;0&quot;,&quot;iso&quot;:&quot;0&quot;,&quot;shutter_speed&quot;:&quot;0&quot;,&quot;title&quot;:&quot;Screenshot&quot;,&quot;orientation&quot;:&quot;1&quot;}\" data-image-title=\"Screenshot\" data-image-description=\"\" data-medium-file=\"https:\/\/i0.wp.com\/itayachtscanada.com\/wp-content\/uploads\/2024\/06\/Capture-decran-le-2024-06-08-a-13.07.42.jpg?fit=300%2C200&#038;ssl=1\" data-large-file=\"https:\/\/i0.wp.com\/itayachtscanada.com\/wp-content\/uploads\/2024\/06\/Capture-decran-le-2024-06-08-a-13.07.42.jpg?fit=700%2C466&#038;ssl=1\" src=\"https:\/\/i0.wp.com\/itayachtscanada.com\/wp-content\/uploads\/2024\/06\/Capture-decran-le-2024-06-08-a-13.07.42.jpg?w=346&#038;h=230&#038;ssl=1\" srcset=\"https:\/\/i0.wp.com\/itayachtscanada.com\/wp-content\/uploads\/2024\/06\/Capture-decran-le-2024-06-08-a-13.07.42.jpg?w=1660&amp;ssl=1 1660w, https:\/\/i0.wp.com\/itayachtscanada.com\/wp-content\/uploads\/2024\/06\/Capture-decran-le-2024-06-08-a-13.07.42.jpg?resize=300%2C200&amp;ssl=1 300w, https:\/\/i0.wp.com\/itayachtscanada.com\/wp-content\/uploads\/2024\/06\/Capture-decran-le-2024-06-08-a-13.07.42.jpg?resize=1024%2C681&amp;ssl=1 1024w, https:\/\/i0.wp.com\/itayachtscanada.com\/wp-content\/uploads\/2024\/06\/Capture-decran-le-2024-06-08-a-13.07.42.jpg?resize=768%2C511&amp;ssl=1 768w, https:\/\/i0.wp.com\/itayachtscanada.com\/wp-content\/uploads\/2024\/06\/Capture-decran-le-2024-06-08-a-13.07.42.jpg?resize=1536%2C1022&amp;ssl=1 1536w, https:\/\/i0.wp.com\/itayachtscanada.com\/wp-content\/uploads\/2024\/06\/Capture-decran-le-2024-06-08-a-13.07.42.jpg?resize=1200%2C798&amp;ssl=1 1200w, https:\/\/i0.wp.com\/itayachtscanada.com\/wp-content\/uploads\/2024\/06\/Capture-decran-le-2024-06-08-a-13.07.42.jpg?resize=700%2C466&amp;ssl=1 700w, https:\/\/i0.wp.com\/itayachtscanada.com\/wp-content\/uploads\/2024\/06\/Capture-decran-le-2024-06-08-a-13.07.42.jpg?resize=900%2C600&amp;ssl=1 900w, https:\/\/i0.wp.com\/itayachtscanada.com\/wp-content\/uploads\/2024\/06\/Capture-decran-le-2024-06-08-a-13.07.42.jpg?resize=601%2C400&amp;ssl=1 601w, https:\/\/i0.wp.com\/itayachtscanada.com\/wp-content\/uploads\/2024\/06\/Capture-decran-le-2024-06-08-a-13.07.42.jpg?w=1400&amp;ssl=1 1400w\" width=\"346\" height=\"230\" loading=\"lazy\" data-original-width=\"346\" data-original-height=\"230\" itemprop=\"http:\/\/schema.org\/image\" title=\"Screenshot\" alt=\"Screenshot\" style=\"width: 346px; height: 230px;\" \/> <\/a> <\/div> <\/div> <!-- close group --> <\/div> <!-- close row --> <div class=\"gallery-row\" style=\"width: 700px; height: 312px;\" data-original-width=\"700\" data-original-height=\"312\" > <div class=\"gallery-group images-1\" style=\"width: 467px; height: 312px;\" data-original-width=\"467\" data-original-height=\"312\" > <div class=\"tiled-gallery-item tiled-gallery-item-large\" itemprop=\"associatedMedia\" itemscope itemtype=\"http:\/\/schema.org\/ImageObject\"> <a href=\"https:\/\/itayachtscanada.com\/fr\/listing\/sunseeker-95-yacht-2023-9499000-usd-for-sale\/screenshot-3845\/\" border=\"0\" itemprop=\"url\"> <meta itemprop=\"width\" content=\"463\"> <meta itemprop=\"height\" content=\"308\"> <img decoding=\"async\" class=\"\" data-attachment-id=\"165571\" data-orig-file=\"https:\/\/itayachtscanada.com\/wp-content\/uploads\/2024\/06\/Capture-decran-le-2024-06-08-a-13.07.35.jpg\" data-orig-size=\"1660,1104\" data-comments-opened=\"1\" data-image-meta=\"{&quot;aperture&quot;:&quot;0&quot;,&quot;credit&quot;:&quot;&quot;,&quot;camera&quot;:&quot;&quot;,&quot;caption&quot;:&quot;Screenshot&quot;,&quot;created_timestamp&quot;:&quot;0&quot;,&quot;copyright&quot;:&quot;&quot;,&quot;focal_length&quot;:&quot;0&quot;,&quot;iso&quot;:&quot;0&quot;,&quot;shutter_speed&quot;:&quot;0&quot;,&quot;title&quot;:&quot;Screenshot&quot;,&quot;orientation&quot;:&quot;1&quot;}\" data-image-title=\"Screenshot\" data-image-description=\"\" data-medium-file=\"https:\/\/i0.wp.com\/itayachtscanada.com\/wp-content\/uploads\/2024\/06\/Capture-decran-le-2024-06-08-a-13.07.35.jpg?fit=300%2C200&#038;ssl=1\" data-large-file=\"https:\/\/i0.wp.com\/itayachtscanada.com\/wp-content\/uploads\/2024\/06\/Capture-decran-le-2024-06-08-a-13.07.35.jpg?fit=700%2C466&#038;ssl=1\" src=\"https:\/\/i0.wp.com\/itayachtscanada.com\/wp-content\/uploads\/2024\/06\/Capture-decran-le-2024-06-08-a-13.07.35.jpg?w=463&#038;h=308&#038;ssl=1\" srcset=\"https:\/\/i0.wp.com\/itayachtscanada.com\/wp-content\/uploads\/2024\/06\/Capture-decran-le-2024-06-08-a-13.07.35.jpg?w=1660&amp;ssl=1 1660w, https:\/\/i0.wp.com\/itayachtscanada.com\/wp-content\/uploads\/2024\/06\/Capture-decran-le-2024-06-08-a-13.07.35.jpg?resize=300%2C200&amp;ssl=1 300w, https:\/\/i0.wp.com\/itayachtscanada.com\/wp-content\/uploads\/2024\/06\/Capture-decran-le-2024-06-08-a-13.07.35.jpg?resize=1024%2C681&amp;ssl=1 1024w, https:\/\/i0.wp.com\/itayachtscanada.com\/wp-content\/uploads\/2024\/06\/Capture-decran-le-2024-06-08-a-13.07.35.jpg?resize=768%2C511&amp;ssl=1 768w, https:\/\/i0.wp.com\/itayachtscanada.com\/wp-content\/uploads\/2024\/06\/Capture-decran-le-2024-06-08-a-13.07.35.jpg?resize=1536%2C1022&amp;ssl=1 1536w, https:\/\/i0.wp.com\/itayachtscanada.com\/wp-content\/uploads\/2024\/06\/Capture-decran-le-2024-06-08-a-13.07.35.jpg?resize=1200%2C798&amp;ssl=1 1200w, https:\/\/i0.wp.com\/itayachtscanada.com\/wp-content\/uploads\/2024\/06\/Capture-decran-le-2024-06-08-a-13.07.35.jpg?resize=700%2C466&amp;ssl=1 700w, https:\/\/i0.wp.com\/itayachtscanada.com\/wp-content\/uploads\/2024\/06\/Capture-decran-le-2024-06-08-a-13.07.35.jpg?resize=900%2C600&amp;ssl=1 900w, https:\/\/i0.wp.com\/itayachtscanada.com\/wp-content\/uploads\/2024\/06\/Capture-decran-le-2024-06-08-a-13.07.35.jpg?resize=601%2C400&amp;ssl=1 601w, https:\/\/i0.wp.com\/itayachtscanada.com\/wp-content\/uploads\/2024\/06\/Capture-decran-le-2024-06-08-a-13.07.35.jpg?w=1400&amp;ssl=1 1400w\" width=\"463\" height=\"308\" loading=\"lazy\" data-original-width=\"463\" data-original-height=\"308\" itemprop=\"http:\/\/schema.org\/image\" title=\"Screenshot\" alt=\"Screenshot\" style=\"width: 463px; height: 308px;\" \/> <\/a> <\/div> <\/div> <!-- close group --> <div class=\"gallery-group images-2\" style=\"width: 233px; height: 312px;\" data-original-width=\"233\" data-original-height=\"312\" > <div class=\"tiled-gallery-item tiled-gallery-item-small\" itemprop=\"associatedMedia\" itemscope itemtype=\"http:\/\/schema.org\/ImageObject\"> <a href=\"https:\/\/itayachtscanada.com\/fr\/listing\/sunseeker-95-yacht-2023-9499000-usd-for-sale\/screenshot-3846\/\" border=\"0\" itemprop=\"url\"> <meta itemprop=\"width\" content=\"229\"> <meta itemprop=\"height\" content=\"152\"> <img decoding=\"async\" class=\"\" data-attachment-id=\"165572\" data-orig-file=\"https:\/\/itayachtscanada.com\/wp-content\/uploads\/2024\/06\/Capture-decran-le-2024-06-08-a-13.07.32.jpg\" data-orig-size=\"1660,1104\" data-comments-opened=\"1\" data-image-meta=\"{&quot;aperture&quot;:&quot;0&quot;,&quot;credit&quot;:&quot;&quot;,&quot;camera&quot;:&quot;&quot;,&quot;caption&quot;:&quot;Screenshot&quot;,&quot;created_timestamp&quot;:&quot;0&quot;,&quot;copyright&quot;:&quot;&quot;,&quot;focal_length&quot;:&quot;0&quot;,&quot;iso&quot;:&quot;0&quot;,&quot;shutter_speed&quot;:&quot;0&quot;,&quot;title&quot;:&quot;Screenshot&quot;,&quot;orientation&quot;:&quot;1&quot;}\" data-image-title=\"Screenshot\" data-image-description=\"\" data-medium-file=\"https:\/\/i0.wp.com\/itayachtscanada.com\/wp-content\/uploads\/2024\/06\/Capture-decran-le-2024-06-08-a-13.07.32.jpg?fit=300%2C200&#038;ssl=1\" data-large-file=\"https:\/\/i0.wp.com\/itayachtscanada.com\/wp-content\/uploads\/2024\/06\/Capture-decran-le-2024-06-08-a-13.07.32.jpg?fit=700%2C466&#038;ssl=1\" src=\"https:\/\/i0.wp.com\/itayachtscanada.com\/wp-content\/uploads\/2024\/06\/Capture-decran-le-2024-06-08-a-13.07.32.jpg?w=229&#038;h=152&#038;ssl=1\" srcset=\"https:\/\/i0.wp.com\/itayachtscanada.com\/wp-content\/uploads\/2024\/06\/Capture-decran-le-2024-06-08-a-13.07.32.jpg?w=1660&amp;ssl=1 1660w, https:\/\/i0.wp.com\/itayachtscanada.com\/wp-content\/uploads\/2024\/06\/Capture-decran-le-2024-06-08-a-13.07.32.jpg?resize=300%2C200&amp;ssl=1 300w, https:\/\/i0.wp.com\/itayachtscanada.com\/wp-content\/uploads\/2024\/06\/Capture-decran-le-2024-06-08-a-13.07.32.jpg?resize=1024%2C681&amp;ssl=1 1024w, https:\/\/i0.wp.com\/itayachtscanada.com\/wp-content\/uploads\/2024\/06\/Capture-decran-le-2024-06-08-a-13.07.32.jpg?resize=768%2C511&amp;ssl=1 768w, https:\/\/i0.wp.com\/itayachtscanada.com\/wp-content\/uploads\/2024\/06\/Capture-decran-le-2024-06-08-a-13.07.32.jpg?resize=1536%2C1022&amp;ssl=1 1536w, https:\/\/i0.wp.com\/itayachtscanada.com\/wp-content\/uploads\/2024\/06\/Capture-decran-le-2024-06-08-a-13.07.32.jpg?resize=1200%2C798&amp;ssl=1 1200w, https:\/\/i0.wp.com\/itayachtscanada.com\/wp-content\/uploads\/2024\/06\/Capture-decran-le-2024-06-08-a-13.07.32.jpg?resize=700%2C466&amp;ssl=1 700w, https:\/\/i0.wp.com\/itayachtscanada.com\/wp-content\/uploads\/2024\/06\/Capture-decran-le-2024-06-08-a-13.07.32.jpg?resize=900%2C600&amp;ssl=1 900w, https:\/\/i0.wp.com\/itayachtscanada.com\/wp-content\/uploads\/2024\/06\/Capture-decran-le-2024-06-08-a-13.07.32.jpg?resize=601%2C400&amp;ssl=1 601w, https:\/\/i0.wp.com\/itayachtscanada.com\/wp-content\/uploads\/2024\/06\/Capture-decran-le-2024-06-08-a-13.07.32.jpg?w=1400&amp;ssl=1 1400w\" width=\"229\" height=\"152\" loading=\"lazy\" data-original-width=\"229\" data-original-height=\"152\" itemprop=\"http:\/\/schema.org\/image\" title=\"Screenshot\" alt=\"Screenshot\" style=\"width: 229px; height: 152px;\" \/> <\/a> <\/div> <div class=\"tiled-gallery-item tiled-gallery-item-small\" itemprop=\"associatedMedia\" itemscope itemtype=\"http:\/\/schema.org\/ImageObject\"> <a href=\"https:\/\/itayachtscanada.com\/fr\/listing\/sunseeker-95-yacht-2023-9499000-usd-for-sale\/screenshot-3847\/\" border=\"0\" itemprop=\"url\"> <meta itemprop=\"width\" content=\"229\"> <meta itemprop=\"height\" content=\"152\"> <img decoding=\"async\" class=\"\" data-attachment-id=\"165573\" data-orig-file=\"https:\/\/itayachtscanada.com\/wp-content\/uploads\/2024\/06\/Capture-decran-le-2024-06-08-a-13.07.29.jpg\" data-orig-size=\"1660,1104\" data-comments-opened=\"1\" data-image-meta=\"{&quot;aperture&quot;:&quot;0&quot;,&quot;credit&quot;:&quot;&quot;,&quot;camera&quot;:&quot;&quot;,&quot;caption&quot;:&quot;Screenshot&quot;,&quot;created_timestamp&quot;:&quot;0&quot;,&quot;copyright&quot;:&quot;&quot;,&quot;focal_length&quot;:&quot;0&quot;,&quot;iso&quot;:&quot;0&quot;,&quot;shutter_speed&quot;:&quot;0&quot;,&quot;title&quot;:&quot;Screenshot&quot;,&quot;orientation&quot;:&quot;1&quot;}\" data-image-title=\"Screenshot\" data-image-description=\"\" data-medium-file=\"https:\/\/i0.wp.com\/itayachtscanada.com\/wp-content\/uploads\/2024\/06\/Capture-decran-le-2024-06-08-a-13.07.29.jpg?fit=300%2C200&#038;ssl=1\" data-large-file=\"https:\/\/i0.wp.com\/itayachtscanada.com\/wp-content\/uploads\/2024\/06\/Capture-decran-le-2024-06-08-a-13.07.29.jpg?fit=700%2C466&#038;ssl=1\" src=\"https:\/\/i0.wp.com\/itayachtscanada.com\/wp-content\/uploads\/2024\/06\/Capture-decran-le-2024-06-08-a-13.07.29.jpg?w=229&#038;h=152&#038;ssl=1\" srcset=\"https:\/\/i0.wp.com\/itayachtscanada.com\/wp-content\/uploads\/2024\/06\/Capture-decran-le-2024-06-08-a-13.07.29.jpg?w=1660&amp;ssl=1 1660w, https:\/\/i0.wp.com\/itayachtscanada.com\/wp-content\/uploads\/2024\/06\/Capture-decran-le-2024-06-08-a-13.07.29.jpg?resize=300%2C200&amp;ssl=1 300w, https:\/\/i0.wp.com\/itayachtscanada.com\/wp-content\/uploads\/2024\/06\/Capture-decran-le-2024-06-08-a-13.07.29.jpg?resize=1024%2C681&amp;ssl=1 1024w, https:\/\/i0.wp.com\/itayachtscanada.com\/wp-content\/uploads\/2024\/06\/Capture-decran-le-2024-06-08-a-13.07.29.jpg?resize=768%2C511&amp;ssl=1 768w, https:\/\/i0.wp.com\/itayachtscanada.com\/wp-content\/uploads\/2024\/06\/Capture-decran-le-2024-06-08-a-13.07.29.jpg?resize=1536%2C1022&amp;ssl=1 1536w, https:\/\/i0.wp.com\/itayachtscanada.com\/wp-content\/uploads\/2024\/06\/Capture-decran-le-2024-06-08-a-13.07.29.jpg?resize=1200%2C798&amp;ssl=1 1200w, https:\/\/i0.wp.com\/itayachtscanada.com\/wp-content\/uploads\/2024\/06\/Capture-decran-le-2024-06-08-a-13.07.29.jpg?resize=700%2C466&amp;ssl=1 700w, https:\/\/i0.wp.com\/itayachtscanada.com\/wp-content\/uploads\/2024\/06\/Capture-decran-le-2024-06-08-a-13.07.29.jpg?resize=900%2C600&amp;ssl=1 900w, https:\/\/i0.wp.com\/itayachtscanada.com\/wp-content\/uploads\/2024\/06\/Capture-decran-le-2024-06-08-a-13.07.29.jpg?resize=601%2C400&amp;ssl=1 601w, https:\/\/i0.wp.com\/itayachtscanada.com\/wp-content\/uploads\/2024\/06\/Capture-decran-le-2024-06-08-a-13.07.29.jpg?w=1400&amp;ssl=1 1400w\" width=\"229\" height=\"152\" loading=\"lazy\" data-original-width=\"229\" data-original-height=\"152\" itemprop=\"http:\/\/schema.org\/image\" title=\"Screenshot\" alt=\"Screenshot\" style=\"width: 229px; height: 152px;\" \/> <\/a> <\/div> <\/div> <!-- close group --> <\/div> <!-- close row --> <div class=\"gallery-row\" style=\"width: 700px; height: 157px;\" data-original-width=\"700\" data-original-height=\"157\" > <div class=\"gallery-group images-1\" style=\"width: 234px; height: 157px;\" data-original-width=\"234\" data-original-height=\"157\" > <div class=\"tiled-gallery-item tiled-gallery-item-small\" itemprop=\"associatedMedia\" itemscope itemtype=\"http:\/\/schema.org\/ImageObject\"> <a href=\"https:\/\/itayachtscanada.com\/fr\/listing\/sunseeker-95-yacht-2023-9499000-usd-for-sale\/screenshot-3848\/\" border=\"0\" itemprop=\"url\"> <meta itemprop=\"width\" content=\"230\"> <meta itemprop=\"height\" content=\"153\"> <img decoding=\"async\" class=\"\" data-attachment-id=\"165574\" data-orig-file=\"https:\/\/itayachtscanada.com\/wp-content\/uploads\/2024\/06\/Capture-decran-le-2024-06-08-a-13.07.25.jpg\" data-orig-size=\"1660,1104\" data-comments-opened=\"1\" data-image-meta=\"{&quot;aperture&quot;:&quot;0&quot;,&quot;credit&quot;:&quot;&quot;,&quot;camera&quot;:&quot;&quot;,&quot;caption&quot;:&quot;Screenshot&quot;,&quot;created_timestamp&quot;:&quot;0&quot;,&quot;copyright&quot;:&quot;&quot;,&quot;focal_length&quot;:&quot;0&quot;,&quot;iso&quot;:&quot;0&quot;,&quot;shutter_speed&quot;:&quot;0&quot;,&quot;title&quot;:&quot;Screenshot&quot;,&quot;orientation&quot;:&quot;1&quot;}\" data-image-title=\"Screenshot\" data-image-description=\"\" data-medium-file=\"https:\/\/i0.wp.com\/itayachtscanada.com\/wp-content\/uploads\/2024\/06\/Capture-decran-le-2024-06-08-a-13.07.25.jpg?fit=300%2C200&#038;ssl=1\" data-large-file=\"https:\/\/i0.wp.com\/itayachtscanada.com\/wp-content\/uploads\/2024\/06\/Capture-decran-le-2024-06-08-a-13.07.25.jpg?fit=700%2C466&#038;ssl=1\" src=\"https:\/\/i0.wp.com\/itayachtscanada.com\/wp-content\/uploads\/2024\/06\/Capture-decran-le-2024-06-08-a-13.07.25.jpg?w=230&#038;h=153&#038;ssl=1\" srcset=\"https:\/\/i0.wp.com\/itayachtscanada.com\/wp-content\/uploads\/2024\/06\/Capture-decran-le-2024-06-08-a-13.07.25.jpg?w=1660&amp;ssl=1 1660w, https:\/\/i0.wp.com\/itayachtscanada.com\/wp-content\/uploads\/2024\/06\/Capture-decran-le-2024-06-08-a-13.07.25.jpg?resize=300%2C200&amp;ssl=1 300w, https:\/\/i0.wp.com\/itayachtscanada.com\/wp-content\/uploads\/2024\/06\/Capture-decran-le-2024-06-08-a-13.07.25.jpg?resize=1024%2C681&amp;ssl=1 1024w, https:\/\/i0.wp.com\/itayachtscanada.com\/wp-content\/uploads\/2024\/06\/Capture-decran-le-2024-06-08-a-13.07.25.jpg?resize=768%2C511&amp;ssl=1 768w, https:\/\/i0.wp.com\/itayachtscanada.com\/wp-content\/uploads\/2024\/06\/Capture-decran-le-2024-06-08-a-13.07.25.jpg?resize=1536%2C1022&amp;ssl=1 1536w, https:\/\/i0.wp.com\/itayachtscanada.com\/wp-content\/uploads\/2024\/06\/Capture-decran-le-2024-06-08-a-13.07.25.jpg?resize=1200%2C798&amp;ssl=1 1200w, https:\/\/i0.wp.com\/itayachtscanada.com\/wp-content\/uploads\/2024\/06\/Capture-decran-le-2024-06-08-a-13.07.25.jpg?resize=700%2C466&amp;ssl=1 700w, https:\/\/i0.wp.com\/itayachtscanada.com\/wp-content\/uploads\/2024\/06\/Capture-decran-le-2024-06-08-a-13.07.25.jpg?resize=900%2C600&amp;ssl=1 900w, https:\/\/i0.wp.com\/itayachtscanada.com\/wp-content\/uploads\/2024\/06\/Capture-decran-le-2024-06-08-a-13.07.25.jpg?resize=601%2C400&amp;ssl=1 601w, https:\/\/i0.wp.com\/itayachtscanada.com\/wp-content\/uploads\/2024\/06\/Capture-decran-le-2024-06-08-a-13.07.25.jpg?w=1400&amp;ssl=1 1400w\" width=\"230\" height=\"153\" loading=\"lazy\" data-original-width=\"230\" data-original-height=\"153\" itemprop=\"http:\/\/schema.org\/image\" title=\"Screenshot\" alt=\"Screenshot\" style=\"width: 230px; height: 153px;\" \/> <\/a> <\/div> <\/div> <!-- close group --> <div class=\"gallery-group images-1\" style=\"width: 233px; height: 157px;\" data-original-width=\"233\" data-original-height=\"157\" > <div class=\"tiled-gallery-item tiled-gallery-item-small\" itemprop=\"associatedMedia\" itemscope itemtype=\"http:\/\/schema.org\/ImageObject\"> <a href=\"https:\/\/itayachtscanada.com\/fr\/listing\/sunseeker-95-yacht-2023-9499000-usd-for-sale\/screenshot-3849\/\" border=\"0\" itemprop=\"url\"> <meta itemprop=\"width\" content=\"229\"> <meta itemprop=\"height\" content=\"153\"> <img decoding=\"async\" class=\"\" data-attachment-id=\"165575\" data-orig-file=\"https:\/\/itayachtscanada.com\/wp-content\/uploads\/2024\/06\/Capture-decran-le-2024-06-08-a-13.07.22.jpg\" data-orig-size=\"1660,1104\" data-comments-opened=\"1\" data-image-meta=\"{&quot;aperture&quot;:&quot;0&quot;,&quot;credit&quot;:&quot;&quot;,&quot;camera&quot;:&quot;&quot;,&quot;caption&quot;:&quot;Screenshot&quot;,&quot;created_timestamp&quot;:&quot;0&quot;,&quot;copyright&quot;:&quot;&quot;,&quot;focal_length&quot;:&quot;0&quot;,&quot;iso&quot;:&quot;0&quot;,&quot;shutter_speed&quot;:&quot;0&quot;,&quot;title&quot;:&quot;Screenshot&quot;,&quot;orientation&quot;:&quot;1&quot;}\" data-image-title=\"Screenshot\" data-image-description=\"\" data-medium-file=\"https:\/\/i0.wp.com\/itayachtscanada.com\/wp-content\/uploads\/2024\/06\/Capture-decran-le-2024-06-08-a-13.07.22.jpg?fit=300%2C200&#038;ssl=1\" data-large-file=\"https:\/\/i0.wp.com\/itayachtscanada.com\/wp-content\/uploads\/2024\/06\/Capture-decran-le-2024-06-08-a-13.07.22.jpg?fit=700%2C466&#038;ssl=1\" src=\"https:\/\/i0.wp.com\/itayachtscanada.com\/wp-content\/uploads\/2024\/06\/Capture-decran-le-2024-06-08-a-13.07.22.jpg?w=229&#038;h=153&#038;ssl=1\" srcset=\"https:\/\/i0.wp.com\/itayachtscanada.com\/wp-content\/uploads\/2024\/06\/Capture-decran-le-2024-06-08-a-13.07.22.jpg?w=1660&amp;ssl=1 1660w, https:\/\/i0.wp.com\/itayachtscanada.com\/wp-content\/uploads\/2024\/06\/Capture-decran-le-2024-06-08-a-13.07.22.jpg?resize=300%2C200&amp;ssl=1 300w, https:\/\/i0.wp.com\/itayachtscanada.com\/wp-content\/uploads\/2024\/06\/Capture-decran-le-2024-06-08-a-13.07.22.jpg?resize=1024%2C681&amp;ssl=1 1024w, https:\/\/i0.wp.com\/itayachtscanada.com\/wp-content\/uploads\/2024\/06\/Capture-decran-le-2024-06-08-a-13.07.22.jpg?resize=768%2C511&amp;ssl=1 768w, https:\/\/i0.wp.com\/itayachtscanada.com\/wp-content\/uploads\/2024\/06\/Capture-decran-le-2024-06-08-a-13.07.22.jpg?resize=1536%2C1022&amp;ssl=1 1536w, https:\/\/i0.wp.com\/itayachtscanada.com\/wp-content\/uploads\/2024\/06\/Capture-decran-le-2024-06-08-a-13.07.22.jpg?resize=1200%2C798&amp;ssl=1 1200w, https:\/\/i0.wp.com\/itayachtscanada.com\/wp-content\/uploads\/2024\/06\/Capture-decran-le-2024-06-08-a-13.07.22.jpg?resize=700%2C466&amp;ssl=1 700w, https:\/\/i0.wp.com\/itayachtscanada.com\/wp-content\/uploads\/2024\/06\/Capture-decran-le-2024-06-08-a-13.07.22.jpg?resize=900%2C600&amp;ssl=1 900w, https:\/\/i0.wp.com\/itayachtscanada.com\/wp-content\/uploads\/2024\/06\/Capture-decran-le-2024-06-08-a-13.07.22.jpg?resize=601%2C400&amp;ssl=1 601w, https:\/\/i0.wp.com\/itayachtscanada.com\/wp-content\/uploads\/2024\/06\/Capture-decran-le-2024-06-08-a-13.07.22.jpg?w=1400&amp;ssl=1 1400w\" width=\"229\" height=\"153\" loading=\"lazy\" data-original-width=\"229\" data-original-height=\"153\" itemprop=\"http:\/\/schema.org\/image\" title=\"Screenshot\" alt=\"Screenshot\" style=\"width: 229px; height: 153px;\" \/> <\/a> <\/div> <\/div> <!-- close group --> <div class=\"gallery-group images-1\" style=\"width: 233px; height: 157px;\" data-original-width=\"233\" data-original-height=\"157\" > <div class=\"tiled-gallery-item tiled-gallery-item-small\" itemprop=\"associatedMedia\" itemscope itemtype=\"http:\/\/schema.org\/ImageObject\"> <a href=\"https:\/\/itayachtscanada.com\/fr\/listing\/sunseeker-95-yacht-2023-9499000-usd-for-sale\/screenshot-3850\/\" border=\"0\" itemprop=\"url\"> <meta itemprop=\"width\" content=\"229\"> <meta itemprop=\"height\" content=\"153\"> <img decoding=\"async\" class=\"\" data-attachment-id=\"165576\" data-orig-file=\"https:\/\/itayachtscanada.com\/wp-content\/uploads\/2024\/06\/Capture-decran-le-2024-06-08-a-13.07.19.jpg\" data-orig-size=\"1660,1104\" data-comments-opened=\"1\" data-image-meta=\"{&quot;aperture&quot;:&quot;0&quot;,&quot;credit&quot;:&quot;&quot;,&quot;camera&quot;:&quot;&quot;,&quot;caption&quot;:&quot;Screenshot&quot;,&quot;created_timestamp&quot;:&quot;0&quot;,&quot;copyright&quot;:&quot;&quot;,&quot;focal_length&quot;:&quot;0&quot;,&quot;iso&quot;:&quot;0&quot;,&quot;shutter_speed&quot;:&quot;0&quot;,&quot;title&quot;:&quot;Screenshot&quot;,&quot;orientation&quot;:&quot;1&quot;}\" data-image-title=\"Screenshot\" data-image-description=\"\" data-medium-file=\"https:\/\/i0.wp.com\/itayachtscanada.com\/wp-content\/uploads\/2024\/06\/Capture-decran-le-2024-06-08-a-13.07.19.jpg?fit=300%2C200&#038;ssl=1\" data-large-file=\"https:\/\/i0.wp.com\/itayachtscanada.com\/wp-content\/uploads\/2024\/06\/Capture-decran-le-2024-06-08-a-13.07.19.jpg?fit=700%2C466&#038;ssl=1\" src=\"https:\/\/i0.wp.com\/itayachtscanada.com\/wp-content\/uploads\/2024\/06\/Capture-decran-le-2024-06-08-a-13.07.19.jpg?w=229&#038;h=153&#038;ssl=1\" srcset=\"https:\/\/i0.wp.com\/itayachtscanada.com\/wp-content\/uploads\/2024\/06\/Capture-decran-le-2024-06-08-a-13.07.19.jpg?w=1660&amp;ssl=1 1660w, https:\/\/i0.wp.com\/itayachtscanada.com\/wp-content\/uploads\/2024\/06\/Capture-decran-le-2024-06-08-a-13.07.19.jpg?resize=300%2C200&amp;ssl=1 300w, https:\/\/i0.wp.com\/itayachtscanada.com\/wp-content\/uploads\/2024\/06\/Capture-decran-le-2024-06-08-a-13.07.19.jpg?resize=1024%2C681&amp;ssl=1 1024w, https:\/\/i0.wp.com\/itayachtscanada.com\/wp-content\/uploads\/2024\/06\/Capture-decran-le-2024-06-08-a-13.07.19.jpg?resize=768%2C511&amp;ssl=1 768w, https:\/\/i0.wp.com\/itayachtscanada.com\/wp-content\/uploads\/2024\/06\/Capture-decran-le-2024-06-08-a-13.07.19.jpg?resize=1536%2C1022&amp;ssl=1 1536w, https:\/\/i0.wp.com\/itayachtscanada.com\/wp-content\/uploads\/2024\/06\/Capture-decran-le-2024-06-08-a-13.07.19.jpg?resize=1200%2C798&amp;ssl=1 1200w, https:\/\/i0.wp.com\/itayachtscanada.com\/wp-content\/uploads\/2024\/06\/Capture-decran-le-2024-06-08-a-13.07.19.jpg?resize=700%2C466&amp;ssl=1 700w, https:\/\/i0.wp.com\/itayachtscanada.com\/wp-content\/uploads\/2024\/06\/Capture-decran-le-2024-06-08-a-13.07.19.jpg?resize=900%2C600&amp;ssl=1 900w, https:\/\/i0.wp.com\/itayachtscanada.com\/wp-content\/uploads\/2024\/06\/Capture-decran-le-2024-06-08-a-13.07.19.jpg?resize=601%2C400&amp;ssl=1 601w, https:\/\/i0.wp.com\/itayachtscanada.com\/wp-content\/uploads\/2024\/06\/Capture-decran-le-2024-06-08-a-13.07.19.jpg?w=1400&amp;ssl=1 1400w\" width=\"229\" height=\"153\" loading=\"lazy\" data-original-width=\"229\" data-original-height=\"153\" itemprop=\"http:\/\/schema.org\/image\" title=\"Screenshot\" alt=\"Screenshot\" style=\"width: 229px; height: 153px;\" \/> <\/a> <\/div> <\/div> <!-- close group --> <\/div> <!-- close row --> <div class=\"gallery-row\" style=\"width: 700px; height: 309px;\" data-original-width=\"700\" data-original-height=\"309\" > <div class=\"gallery-group images-2\" style=\"width: 232px; height: 309px;\" data-original-width=\"232\" data-original-height=\"309\" > <div class=\"tiled-gallery-item tiled-gallery-item-small\" itemprop=\"associatedMedia\" itemscope itemtype=\"http:\/\/schema.org\/ImageObject\"> <a href=\"https:\/\/itayachtscanada.com\/fr\/listing\/sunseeker-95-yacht-2023-9499000-usd-for-sale\/screenshot-3851\/\" border=\"0\" itemprop=\"url\"> <meta itemprop=\"width\" content=\"228\"> <meta itemprop=\"height\" content=\"151\"> <img decoding=\"async\" class=\"\" data-attachment-id=\"165577\" data-orig-file=\"https:\/\/itayachtscanada.com\/wp-content\/uploads\/2024\/06\/Capture-decran-le-2024-06-08-a-13.07.16.jpg\" data-orig-size=\"1660,1104\" data-comments-opened=\"1\" data-image-meta=\"{&quot;aperture&quot;:&quot;0&quot;,&quot;credit&quot;:&quot;&quot;,&quot;camera&quot;:&quot;&quot;,&quot;caption&quot;:&quot;Screenshot&quot;,&quot;created_timestamp&quot;:&quot;0&quot;,&quot;copyright&quot;:&quot;&quot;,&quot;focal_length&quot;:&quot;0&quot;,&quot;iso&quot;:&quot;0&quot;,&quot;shutter_speed&quot;:&quot;0&quot;,&quot;title&quot;:&quot;Screenshot&quot;,&quot;orientation&quot;:&quot;1&quot;}\" data-image-title=\"Screenshot\" data-image-description=\"\" data-medium-file=\"https:\/\/i0.wp.com\/itayachtscanada.com\/wp-content\/uploads\/2024\/06\/Capture-decran-le-2024-06-08-a-13.07.16.jpg?fit=300%2C200&#038;ssl=1\" data-large-file=\"https:\/\/i0.wp.com\/itayachtscanada.com\/wp-content\/uploads\/2024\/06\/Capture-decran-le-2024-06-08-a-13.07.16.jpg?fit=700%2C466&#038;ssl=1\" src=\"https:\/\/i0.wp.com\/itayachtscanada.com\/wp-content\/uploads\/2024\/06\/Capture-decran-le-2024-06-08-a-13.07.16.jpg?w=228&#038;h=151&#038;ssl=1\" srcset=\"https:\/\/i0.wp.com\/itayachtscanada.com\/wp-content\/uploads\/2024\/06\/Capture-decran-le-2024-06-08-a-13.07.16.jpg?w=1660&amp;ssl=1 1660w, https:\/\/i0.wp.com\/itayachtscanada.com\/wp-content\/uploads\/2024\/06\/Capture-decran-le-2024-06-08-a-13.07.16.jpg?resize=300%2C200&amp;ssl=1 300w, https:\/\/i0.wp.com\/itayachtscanada.com\/wp-content\/uploads\/2024\/06\/Capture-decran-le-2024-06-08-a-13.07.16.jpg?resize=1024%2C681&amp;ssl=1 1024w, https:\/\/i0.wp.com\/itayachtscanada.com\/wp-content\/uploads\/2024\/06\/Capture-decran-le-2024-06-08-a-13.07.16.jpg?resize=768%2C511&amp;ssl=1 768w, https:\/\/i0.wp.com\/itayachtscanada.com\/wp-content\/uploads\/2024\/06\/Capture-decran-le-2024-06-08-a-13.07.16.jpg?resize=1536%2C1022&amp;ssl=1 1536w, https:\/\/i0.wp.com\/itayachtscanada.com\/wp-content\/uploads\/2024\/06\/Capture-decran-le-2024-06-08-a-13.07.16.jpg?resize=1200%2C798&amp;ssl=1 1200w, https:\/\/i0.wp.com\/itayachtscanada.com\/wp-content\/uploads\/2024\/06\/Capture-decran-le-2024-06-08-a-13.07.16.jpg?resize=700%2C466&amp;ssl=1 700w, https:\/\/i0.wp.com\/itayachtscanada.com\/wp-content\/uploads\/2024\/06\/Capture-decran-le-2024-06-08-a-13.07.16.jpg?resize=900%2C600&amp;ssl=1 900w, https:\/\/i0.wp.com\/itayachtscanada.com\/wp-content\/uploads\/2024\/06\/Capture-decran-le-2024-06-08-a-13.07.16.jpg?resize=601%2C400&amp;ssl=1 601w, https:\/\/i0.wp.com\/itayachtscanada.com\/wp-content\/uploads\/2024\/06\/Capture-decran-le-2024-06-08-a-13.07.16.jpg?w=1400&amp;ssl=1 1400w\" width=\"228\" height=\"151\" loading=\"lazy\" data-original-width=\"228\" data-original-height=\"151\" itemprop=\"http:\/\/schema.org\/image\" title=\"Screenshot\" alt=\"Screenshot\" style=\"width: 228px; height: 151px;\" \/> <\/a> <\/div> <div class=\"tiled-gallery-item tiled-gallery-item-small\" itemprop=\"associatedMedia\" itemscope itemtype=\"http:\/\/schema.org\/ImageObject\"> <a href=\"https:\/\/itayachtscanada.com\/fr\/listing\/sunseeker-95-yacht-2023-9499000-usd-for-sale\/screenshot-3815\/\" border=\"0\" itemprop=\"url\"> <meta itemprop=\"width\" content=\"228\"> <meta itemprop=\"height\" content=\"150\"> <img decoding=\"async\" class=\"\" data-attachment-id=\"165541\" data-orig-file=\"https:\/\/itayachtscanada.com\/wp-content\/uploads\/2024\/06\/Capture-decran-le-2024-06-08-a-13.10.14.jpg\" data-orig-size=\"1912,1256\" data-comments-opened=\"1\" data-image-meta=\"{&quot;aperture&quot;:&quot;0&quot;,&quot;credit&quot;:&quot;&quot;,&quot;camera&quot;:&quot;&quot;,&quot;caption&quot;:&quot;Screenshot&quot;,&quot;created_timestamp&quot;:&quot;0&quot;,&quot;copyright&quot;:&quot;&quot;,&quot;focal_length&quot;:&quot;0&quot;,&quot;iso&quot;:&quot;0&quot;,&quot;shutter_speed&quot;:&quot;0&quot;,&quot;title&quot;:&quot;Screenshot&quot;,&quot;orientation&quot;:&quot;1&quot;}\" data-image-title=\"Screenshot\" data-image-description=\"\" data-medium-file=\"https:\/\/i0.wp.com\/itayachtscanada.com\/wp-content\/uploads\/2024\/06\/Capture-decran-le-2024-06-08-a-13.10.14.jpg?fit=300%2C197&#038;ssl=1\" data-large-file=\"https:\/\/i0.wp.com\/itayachtscanada.com\/wp-content\/uploads\/2024\/06\/Capture-decran-le-2024-06-08-a-13.10.14.jpg?fit=700%2C460&#038;ssl=1\" src=\"https:\/\/i0.wp.com\/itayachtscanada.com\/wp-content\/uploads\/2024\/06\/Capture-decran-le-2024-06-08-a-13.10.14.jpg?w=228&#038;h=150&#038;ssl=1\" srcset=\"https:\/\/i0.wp.com\/itayachtscanada.com\/wp-content\/uploads\/2024\/06\/Capture-decran-le-2024-06-08-a-13.10.14.jpg?w=1912&amp;ssl=1 1912w, https:\/\/i0.wp.com\/itayachtscanada.com\/wp-content\/uploads\/2024\/06\/Capture-decran-le-2024-06-08-a-13.10.14.jpg?resize=300%2C197&amp;ssl=1 300w, https:\/\/i0.wp.com\/itayachtscanada.com\/wp-content\/uploads\/2024\/06\/Capture-decran-le-2024-06-08-a-13.10.14.jpg?resize=1024%2C673&amp;ssl=1 1024w, https:\/\/i0.wp.com\/itayachtscanada.com\/wp-content\/uploads\/2024\/06\/Capture-decran-le-2024-06-08-a-13.10.14.jpg?resize=768%2C505&amp;ssl=1 768w, https:\/\/i0.wp.com\/itayachtscanada.com\/wp-content\/uploads\/2024\/06\/Capture-decran-le-2024-06-08-a-13.10.14.jpg?resize=1536%2C1009&amp;ssl=1 1536w, https:\/\/i0.wp.com\/itayachtscanada.com\/wp-content\/uploads\/2024\/06\/Capture-decran-le-2024-06-08-a-13.10.14.jpg?resize=1200%2C788&amp;ssl=1 1200w, https:\/\/i0.wp.com\/itayachtscanada.com\/wp-content\/uploads\/2024\/06\/Capture-decran-le-2024-06-08-a-13.10.14.jpg?resize=700%2C460&amp;ssl=1 700w, https:\/\/i0.wp.com\/itayachtscanada.com\/wp-content\/uploads\/2024\/06\/Capture-decran-le-2024-06-08-a-13.10.14.jpg?resize=609%2C400&amp;ssl=1 609w, https:\/\/i0.wp.com\/itayachtscanada.com\/wp-content\/uploads\/2024\/06\/Capture-decran-le-2024-06-08-a-13.10.14.jpg?w=1400&amp;ssl=1 1400w\" width=\"228\" height=\"150\" loading=\"lazy\" data-original-width=\"228\" data-original-height=\"150\" itemprop=\"http:\/\/schema.org\/image\" title=\"Screenshot\" alt=\"Sunseeker 95 Yacht 2023\" style=\"width: 228px; height: 150px;\" \/> <\/a> <div class=\"tiled-gallery-caption\" itemprop=\"caption description\"> Sunseeker 95 Yacht 2023 <\/div> <\/div> <\/div> <!-- close group --> <div class=\"gallery-group images-1\" style=\"width: 468px; height: 309px;\" data-original-width=\"468\" data-original-height=\"309\" > <div class=\"tiled-gallery-item tiled-gallery-item-large\" itemprop=\"associatedMedia\" itemscope itemtype=\"http:\/\/schema.org\/ImageObject\"> <a href=\"https:\/\/itayachtscanada.com\/fr\/listing\/sunseeker-95-yacht-2023-9499000-usd-for-sale\/screenshot-3816\/\" border=\"0\" itemprop=\"url\"> <meta itemprop=\"width\" content=\"464\"> <meta itemprop=\"height\" content=\"305\"> <img decoding=\"async\" class=\"\" data-attachment-id=\"165542\" data-orig-file=\"https:\/\/itayachtscanada.com\/wp-content\/uploads\/2024\/06\/Capture-decran-le-2024-06-08-a-13.10.10.jpg\" data-orig-size=\"1912,1256\" data-comments-opened=\"1\" data-image-meta=\"{&quot;aperture&quot;:&quot;0&quot;,&quot;credit&quot;:&quot;&quot;,&quot;camera&quot;:&quot;&quot;,&quot;caption&quot;:&quot;Screenshot&quot;,&quot;created_timestamp&quot;:&quot;0&quot;,&quot;copyright&quot;:&quot;&quot;,&quot;focal_length&quot;:&quot;0&quot;,&quot;iso&quot;:&quot;0&quot;,&quot;shutter_speed&quot;:&quot;0&quot;,&quot;title&quot;:&quot;Screenshot&quot;,&quot;orientation&quot;:&quot;1&quot;}\" data-image-title=\"Screenshot\" data-image-description=\"\" data-medium-file=\"https:\/\/i0.wp.com\/itayachtscanada.com\/wp-content\/uploads\/2024\/06\/Capture-decran-le-2024-06-08-a-13.10.10.jpg?fit=300%2C197&#038;ssl=1\" data-large-file=\"https:\/\/i0.wp.com\/itayachtscanada.com\/wp-content\/uploads\/2024\/06\/Capture-decran-le-2024-06-08-a-13.10.10.jpg?fit=700%2C460&#038;ssl=1\" src=\"https:\/\/i0.wp.com\/itayachtscanada.com\/wp-content\/uploads\/2024\/06\/Capture-decran-le-2024-06-08-a-13.10.10.jpg?w=464&#038;h=305&#038;ssl=1\" srcset=\"https:\/\/i0.wp.com\/itayachtscanada.com\/wp-content\/uploads\/2024\/06\/Capture-decran-le-2024-06-08-a-13.10.10.jpg?w=1912&amp;ssl=1 1912w, https:\/\/i0.wp.com\/itayachtscanada.com\/wp-content\/uploads\/2024\/06\/Capture-decran-le-2024-06-08-a-13.10.10.jpg?resize=300%2C197&amp;ssl=1 300w, https:\/\/i0.wp.com\/itayachtscanada.com\/wp-content\/uploads\/2024\/06\/Capture-decran-le-2024-06-08-a-13.10.10.jpg?resize=1024%2C673&amp;ssl=1 1024w, https:\/\/i0.wp.com\/itayachtscanada.com\/wp-content\/uploads\/2024\/06\/Capture-decran-le-2024-06-08-a-13.10.10.jpg?resize=768%2C505&amp;ssl=1 768w, https:\/\/i0.wp.com\/itayachtscanada.com\/wp-content\/uploads\/2024\/06\/Capture-decran-le-2024-06-08-a-13.10.10.jpg?resize=1536%2C1009&amp;ssl=1 1536w, https:\/\/i0.wp.com\/itayachtscanada.com\/wp-content\/uploads\/2024\/06\/Capture-decran-le-2024-06-08-a-13.10.10.jpg?resize=1200%2C788&amp;ssl=1 1200w, https:\/\/i0.wp.com\/itayachtscanada.com\/wp-content\/uploads\/2024\/06\/Capture-decran-le-2024-06-08-a-13.10.10.jpg?resize=700%2C460&amp;ssl=1 700w, https:\/\/i0.wp.com\/itayachtscanada.com\/wp-content\/uploads\/2024\/06\/Capture-decran-le-2024-06-08-a-13.10.10.jpg?resize=609%2C400&amp;ssl=1 609w, https:\/\/i0.wp.com\/itayachtscanada.com\/wp-content\/uploads\/2024\/06\/Capture-decran-le-2024-06-08-a-13.10.10.jpg?w=1400&amp;ssl=1 1400w\" width=\"464\" height=\"305\" loading=\"lazy\" data-original-width=\"464\" data-original-height=\"305\" itemprop=\"http:\/\/schema.org\/image\" title=\"Screenshot\" alt=\"Sunseeker 95 Yacht 2023\" style=\"width: 464px; height: 305px;\" \/> <\/a> <div class=\"tiled-gallery-caption\" itemprop=\"caption description\"> Sunseeker 95 Yacht 2023 <\/div> <\/div> <\/div> <!-- close group --> <\/div> <!-- close row --> <div class=\"gallery-row\" style=\"width: 700px; height: 231px;\" data-original-width=\"700\" data-original-height=\"231\" > <div class=\"gallery-group images-1\" style=\"width: 350px; height: 231px;\" data-original-width=\"350\" data-original-height=\"231\" > <div class=\"tiled-gallery-item tiled-gallery-item-large\" itemprop=\"associatedMedia\" itemscope itemtype=\"http:\/\/schema.org\/ImageObject\"> <a href=\"https:\/\/itayachtscanada.com\/fr\/listing\/sunseeker-95-yacht-2023-9499000-usd-for-sale\/screenshot-3817\/\" border=\"0\" itemprop=\"url\"> <meta itemprop=\"width\" content=\"346\"> <meta itemprop=\"height\" content=\"227\"> <img decoding=\"async\" class=\"\" data-attachment-id=\"165543\" data-orig-file=\"https:\/\/itayachtscanada.com\/wp-content\/uploads\/2024\/06\/Capture-decran-le-2024-06-08-a-13.10.06.jpg\" data-orig-size=\"1912,1256\" data-comments-opened=\"1\" data-image-meta=\"{&quot;aperture&quot;:&quot;0&quot;,&quot;credit&quot;:&quot;&quot;,&quot;camera&quot;:&quot;&quot;,&quot;caption&quot;:&quot;Screenshot&quot;,&quot;created_timestamp&quot;:&quot;0&quot;,&quot;copyright&quot;:&quot;&quot;,&quot;focal_length&quot;:&quot;0&quot;,&quot;iso&quot;:&quot;0&quot;,&quot;shutter_speed&quot;:&quot;0&quot;,&quot;title&quot;:&quot;Screenshot&quot;,&quot;orientation&quot;:&quot;1&quot;}\" data-image-title=\"Screenshot\" data-image-description=\"\" data-medium-file=\"https:\/\/i0.wp.com\/itayachtscanada.com\/wp-content\/uploads\/2024\/06\/Capture-decran-le-2024-06-08-a-13.10.06.jpg?fit=300%2C197&#038;ssl=1\" data-large-file=\"https:\/\/i0.wp.com\/itayachtscanada.com\/wp-content\/uploads\/2024\/06\/Capture-decran-le-2024-06-08-a-13.10.06.jpg?fit=700%2C460&#038;ssl=1\" src=\"https:\/\/i0.wp.com\/itayachtscanada.com\/wp-content\/uploads\/2024\/06\/Capture-decran-le-2024-06-08-a-13.10.06.jpg?w=346&#038;h=227&#038;ssl=1\" srcset=\"https:\/\/i0.wp.com\/itayachtscanada.com\/wp-content\/uploads\/2024\/06\/Capture-decran-le-2024-06-08-a-13.10.06.jpg?w=1912&amp;ssl=1 1912w, https:\/\/i0.wp.com\/itayachtscanada.com\/wp-content\/uploads\/2024\/06\/Capture-decran-le-2024-06-08-a-13.10.06.jpg?resize=300%2C197&amp;ssl=1 300w, https:\/\/i0.wp.com\/itayachtscanada.com\/wp-content\/uploads\/2024\/06\/Capture-decran-le-2024-06-08-a-13.10.06.jpg?resize=1024%2C673&amp;ssl=1 1024w, https:\/\/i0.wp.com\/itayachtscanada.com\/wp-content\/uploads\/2024\/06\/Capture-decran-le-2024-06-08-a-13.10.06.jpg?resize=768%2C505&amp;ssl=1 768w, https:\/\/i0.wp.com\/itayachtscanada.com\/wp-content\/uploads\/2024\/06\/Capture-decran-le-2024-06-08-a-13.10.06.jpg?resize=1536%2C1009&amp;ssl=1 1536w, https:\/\/i0.wp.com\/itayachtscanada.com\/wp-content\/uploads\/2024\/06\/Capture-decran-le-2024-06-08-a-13.10.06.jpg?resize=1200%2C788&amp;ssl=1 1200w, https:\/\/i0.wp.com\/itayachtscanada.com\/wp-content\/uploads\/2024\/06\/Capture-decran-le-2024-06-08-a-13.10.06.jpg?resize=700%2C460&amp;ssl=1 700w, https:\/\/i0.wp.com\/itayachtscanada.com\/wp-content\/uploads\/2024\/06\/Capture-decran-le-2024-06-08-a-13.10.06.jpg?resize=609%2C400&amp;ssl=1 609w, https:\/\/i0.wp.com\/itayachtscanada.com\/wp-content\/uploads\/2024\/06\/Capture-decran-le-2024-06-08-a-13.10.06.jpg?w=1400&amp;ssl=1 1400w\" width=\"346\" height=\"227\" loading=\"lazy\" data-original-width=\"346\" data-original-height=\"227\" itemprop=\"http:\/\/schema.org\/image\" title=\"Screenshot\" alt=\"Screenshot\" style=\"width: 346px; height: 227px;\" \/> <\/a> <\/div> <\/div> <!-- close group --> <div class=\"gallery-group images-1\" style=\"width: 350px; height: 231px;\" data-original-width=\"350\" data-original-height=\"231\" > <div class=\"tiled-gallery-item tiled-gallery-item-large\" itemprop=\"associatedMedia\" itemscope itemtype=\"http:\/\/schema.org\/ImageObject\"> <a href=\"https:\/\/itayachtscanada.com\/fr\/listing\/sunseeker-95-yacht-2023-9499000-usd-for-sale\/screenshot-3819\/\" border=\"0\" itemprop=\"url\"> <meta itemprop=\"width\" content=\"346\"> <meta itemprop=\"height\" content=\"227\"> <img decoding=\"async\" class=\"\" data-attachment-id=\"165545\" data-orig-file=\"https:\/\/itayachtscanada.com\/wp-content\/uploads\/2024\/06\/Capture-decran-le-2024-06-08-a-13.09.59.jpg\" data-orig-size=\"1912,1256\" data-comments-opened=\"1\" data-image-meta=\"{&quot;aperture&quot;:&quot;0&quot;,&quot;credit&quot;:&quot;&quot;,&quot;camera&quot;:&quot;&quot;,&quot;caption&quot;:&quot;Screenshot&quot;,&quot;created_timestamp&quot;:&quot;0&quot;,&quot;copyright&quot;:&quot;&quot;,&quot;focal_length&quot;:&quot;0&quot;,&quot;iso&quot;:&quot;0&quot;,&quot;shutter_speed&quot;:&quot;0&quot;,&quot;title&quot;:&quot;Screenshot&quot;,&quot;orientation&quot;:&quot;1&quot;}\" data-image-title=\"Screenshot\" data-image-description=\"\" data-medium-file=\"https:\/\/i0.wp.com\/itayachtscanada.com\/wp-content\/uploads\/2024\/06\/Capture-decran-le-2024-06-08-a-13.09.59.jpg?fit=300%2C197&#038;ssl=1\" data-large-file=\"https:\/\/i0.wp.com\/itayachtscanada.com\/wp-content\/uploads\/2024\/06\/Capture-decran-le-2024-06-08-a-13.09.59.jpg?fit=700%2C460&#038;ssl=1\" src=\"https:\/\/i0.wp.com\/itayachtscanada.com\/wp-content\/uploads\/2024\/06\/Capture-decran-le-2024-06-08-a-13.09.59.jpg?w=346&#038;h=227&#038;ssl=1\" srcset=\"https:\/\/i0.wp.com\/itayachtscanada.com\/wp-content\/uploads\/2024\/06\/Capture-decran-le-2024-06-08-a-13.09.59.jpg?w=1912&amp;ssl=1 1912w, https:\/\/i0.wp.com\/itayachtscanada.com\/wp-content\/uploads\/2024\/06\/Capture-decran-le-2024-06-08-a-13.09.59.jpg?resize=300%2C197&amp;ssl=1 300w, https:\/\/i0.wp.com\/itayachtscanada.com\/wp-content\/uploads\/2024\/06\/Capture-decran-le-2024-06-08-a-13.09.59.jpg?resize=1024%2C673&amp;ssl=1 1024w, https:\/\/i0.wp.com\/itayachtscanada.com\/wp-content\/uploads\/2024\/06\/Capture-decran-le-2024-06-08-a-13.09.59.jpg?resize=768%2C505&amp;ssl=1 768w, https:\/\/i0.wp.com\/itayachtscanada.com\/wp-content\/uploads\/2024\/06\/Capture-decran-le-2024-06-08-a-13.09.59.jpg?resize=1536%2C1009&amp;ssl=1 1536w, https:\/\/i0.wp.com\/itayachtscanada.com\/wp-content\/uploads\/2024\/06\/Capture-decran-le-2024-06-08-a-13.09.59.jpg?resize=1200%2C788&amp;ssl=1 1200w, https:\/\/i0.wp.com\/itayachtscanada.com\/wp-content\/uploads\/2024\/06\/Capture-decran-le-2024-06-08-a-13.09.59.jpg?resize=700%2C460&amp;ssl=1 700w, https:\/\/i0.wp.com\/itayachtscanada.com\/wp-content\/uploads\/2024\/06\/Capture-decran-le-2024-06-08-a-13.09.59.jpg?resize=609%2C400&amp;ssl=1 609w, https:\/\/i0.wp.com\/itayachtscanada.com\/wp-content\/uploads\/2024\/06\/Capture-decran-le-2024-06-08-a-13.09.59.jpg?w=1400&amp;ssl=1 1400w\" width=\"346\" height=\"227\" loading=\"lazy\" data-original-width=\"346\" data-original-height=\"227\" itemprop=\"http:\/\/schema.org\/image\" title=\"Screenshot\" alt=\"Screenshot\" style=\"width: 346px; height: 227px;\" \/> <\/a> <\/div> <\/div> <!-- close group --> <\/div> <!-- close row --> <div class=\"gallery-row\" style=\"width: 700px; height: 308px;\" data-original-width=\"700\" data-original-height=\"308\" > <div class=\"gallery-group images-1\" style=\"width: 467px; height: 308px;\" data-original-width=\"467\" data-original-height=\"308\" > <div class=\"tiled-gallery-item tiled-gallery-item-large\" itemprop=\"associatedMedia\" itemscope itemtype=\"http:\/\/schema.org\/ImageObject\"> <a href=\"https:\/\/itayachtscanada.com\/fr\/listing\/sunseeker-95-yacht-2023-9499000-usd-for-sale\/screenshot-3818\/\" border=\"0\" itemprop=\"url\"> <meta itemprop=\"width\" content=\"463\"> <meta itemprop=\"height\" content=\"304\"> <img decoding=\"async\" class=\"\" data-attachment-id=\"165544\" data-orig-file=\"https:\/\/itayachtscanada.com\/wp-content\/uploads\/2024\/06\/Capture-decran-le-2024-06-08-a-13.10.02.jpg\" data-orig-size=\"1912,1256\" data-comments-opened=\"1\" data-image-meta=\"{&quot;aperture&quot;:&quot;0&quot;,&quot;credit&quot;:&quot;&quot;,&quot;camera&quot;:&quot;&quot;,&quot;caption&quot;:&quot;Screenshot&quot;,&quot;created_timestamp&quot;:&quot;0&quot;,&quot;copyright&quot;:&quot;&quot;,&quot;focal_length&quot;:&quot;0&quot;,&quot;iso&quot;:&quot;0&quot;,&quot;shutter_speed&quot;:&quot;0&quot;,&quot;title&quot;:&quot;Screenshot&quot;,&quot;orientation&quot;:&quot;1&quot;}\" data-image-title=\"Screenshot\" data-image-description=\"\" data-medium-file=\"https:\/\/i0.wp.com\/itayachtscanada.com\/wp-content\/uploads\/2024\/06\/Capture-decran-le-2024-06-08-a-13.10.02.jpg?fit=300%2C197&#038;ssl=1\" data-large-file=\"https:\/\/i0.wp.com\/itayachtscanada.com\/wp-content\/uploads\/2024\/06\/Capture-decran-le-2024-06-08-a-13.10.02.jpg?fit=700%2C460&#038;ssl=1\" src=\"https:\/\/i0.wp.com\/itayachtscanada.com\/wp-content\/uploads\/2024\/06\/Capture-decran-le-2024-06-08-a-13.10.02.jpg?w=463&#038;h=304&#038;ssl=1\" srcset=\"https:\/\/i0.wp.com\/itayachtscanada.com\/wp-content\/uploads\/2024\/06\/Capture-decran-le-2024-06-08-a-13.10.02.jpg?w=1912&amp;ssl=1 1912w, https:\/\/i0.wp.com\/itayachtscanada.com\/wp-content\/uploads\/2024\/06\/Capture-decran-le-2024-06-08-a-13.10.02.jpg?resize=300%2C197&amp;ssl=1 300w, https:\/\/i0.wp.com\/itayachtscanada.com\/wp-content\/uploads\/2024\/06\/Capture-decran-le-2024-06-08-a-13.10.02.jpg?resize=1024%2C673&amp;ssl=1 1024w, https:\/\/i0.wp.com\/itayachtscanada.com\/wp-content\/uploads\/2024\/06\/Capture-decran-le-2024-06-08-a-13.10.02.jpg?resize=768%2C505&amp;ssl=1 768w, https:\/\/i0.wp.com\/itayachtscanada.com\/wp-content\/uploads\/2024\/06\/Capture-decran-le-2024-06-08-a-13.10.02.jpg?resize=1536%2C1009&amp;ssl=1 1536w, https:\/\/i0.wp.com\/itayachtscanada.com\/wp-content\/uploads\/2024\/06\/Capture-decran-le-2024-06-08-a-13.10.02.jpg?resize=1200%2C788&amp;ssl=1 1200w, https:\/\/i0.wp.com\/itayachtscanada.com\/wp-content\/uploads\/2024\/06\/Capture-decran-le-2024-06-08-a-13.10.02.jpg?resize=700%2C460&amp;ssl=1 700w, https:\/\/i0.wp.com\/itayachtscanada.com\/wp-content\/uploads\/2024\/06\/Capture-decran-le-2024-06-08-a-13.10.02.jpg?resize=609%2C400&amp;ssl=1 609w, https:\/\/i0.wp.com\/itayachtscanada.com\/wp-content\/uploads\/2024\/06\/Capture-decran-le-2024-06-08-a-13.10.02.jpg?w=1400&amp;ssl=1 1400w\" width=\"463\" height=\"304\" loading=\"lazy\" data-original-width=\"463\" data-original-height=\"304\" itemprop=\"http:\/\/schema.org\/image\" title=\"Screenshot\" alt=\"Screenshot\" style=\"width: 463px; height: 304px;\" \/> <\/a> <\/div> <\/div> <!-- close group --> <div class=\"gallery-group images-2\" style=\"width: 233px; height: 308px;\" data-original-width=\"233\" data-original-height=\"308\" > <div class=\"tiled-gallery-item tiled-gallery-item-small\" itemprop=\"associatedMedia\" itemscope itemtype=\"http:\/\/schema.org\/ImageObject\"> <a href=\"https:\/\/itayachtscanada.com\/fr\/listing\/sunseeker-95-yacht-2023-9499000-usd-for-sale\/screenshot-3814\/\" border=\"0\" itemprop=\"url\"> <meta itemprop=\"width\" content=\"229\"> <meta itemprop=\"height\" content=\"150\"> <img decoding=\"async\" class=\"\" data-attachment-id=\"165540\" data-orig-file=\"https:\/\/itayachtscanada.com\/wp-content\/uploads\/2024\/06\/Capture-decran-le-2024-06-08-a-13.10.18.jpg\" data-orig-size=\"1912,1256\" data-comments-opened=\"1\" data-image-meta=\"{&quot;aperture&quot;:&quot;0&quot;,&quot;credit&quot;:&quot;&quot;,&quot;camera&quot;:&quot;&quot;,&quot;caption&quot;:&quot;Screenshot&quot;,&quot;created_timestamp&quot;:&quot;0&quot;,&quot;copyright&quot;:&quot;&quot;,&quot;focal_length&quot;:&quot;0&quot;,&quot;iso&quot;:&quot;0&quot;,&quot;shutter_speed&quot;:&quot;0&quot;,&quot;title&quot;:&quot;Screenshot&quot;,&quot;orientation&quot;:&quot;1&quot;}\" data-image-title=\"Screenshot\" data-image-description=\"\" data-medium-file=\"https:\/\/i0.wp.com\/itayachtscanada.com\/wp-content\/uploads\/2024\/06\/Capture-decran-le-2024-06-08-a-13.10.18.jpg?fit=300%2C197&#038;ssl=1\" data-large-file=\"https:\/\/i0.wp.com\/itayachtscanada.com\/wp-content\/uploads\/2024\/06\/Capture-decran-le-2024-06-08-a-13.10.18.jpg?fit=700%2C460&#038;ssl=1\" src=\"https:\/\/i0.wp.com\/itayachtscanada.com\/wp-content\/uploads\/2024\/06\/Capture-decran-le-2024-06-08-a-13.10.18.jpg?w=229&#038;h=150&#038;ssl=1\" srcset=\"https:\/\/i0.wp.com\/itayachtscanada.com\/wp-content\/uploads\/2024\/06\/Capture-decran-le-2024-06-08-a-13.10.18.jpg?w=1912&amp;ssl=1 1912w, https:\/\/i0.wp.com\/itayachtscanada.com\/wp-content\/uploads\/2024\/06\/Capture-decran-le-2024-06-08-a-13.10.18.jpg?resize=300%2C197&amp;ssl=1 300w, https:\/\/i0.wp.com\/itayachtscanada.com\/wp-content\/uploads\/2024\/06\/Capture-decran-le-2024-06-08-a-13.10.18.jpg?resize=1024%2C673&amp;ssl=1 1024w, https:\/\/i0.wp.com\/itayachtscanada.com\/wp-content\/uploads\/2024\/06\/Capture-decran-le-2024-06-08-a-13.10.18.jpg?resize=768%2C505&amp;ssl=1 768w, https:\/\/i0.wp.com\/itayachtscanada.com\/wp-content\/uploads\/2024\/06\/Capture-decran-le-2024-06-08-a-13.10.18.jpg?resize=1536%2C1009&amp;ssl=1 1536w, https:\/\/i0.wp.com\/itayachtscanada.com\/wp-content\/uploads\/2024\/06\/Capture-decran-le-2024-06-08-a-13.10.18.jpg?resize=1200%2C788&amp;ssl=1 1200w, https:\/\/i0.wp.com\/itayachtscanada.com\/wp-content\/uploads\/2024\/06\/Capture-decran-le-2024-06-08-a-13.10.18.jpg?resize=700%2C460&amp;ssl=1 700w, https:\/\/i0.wp.com\/itayachtscanada.com\/wp-content\/uploads\/2024\/06\/Capture-decran-le-2024-06-08-a-13.10.18.jpg?resize=609%2C400&amp;ssl=1 609w, https:\/\/i0.wp.com\/itayachtscanada.com\/wp-content\/uploads\/2024\/06\/Capture-decran-le-2024-06-08-a-13.10.18.jpg?w=1400&amp;ssl=1 1400w\" width=\"229\" height=\"150\" loading=\"lazy\" data-original-width=\"229\" data-original-height=\"150\" itemprop=\"http:\/\/schema.org\/image\" title=\"Screenshot\" alt=\"Screenshot\" style=\"width: 229px; height: 150px;\" \/> <\/a> <\/div> <div class=\"tiled-gallery-item tiled-gallery-item-small\" itemprop=\"associatedMedia\" itemscope itemtype=\"http:\/\/schema.org\/ImageObject\"> <a href=\"https:\/\/itayachtscanada.com\/fr\/listing\/sunseeker-95-yacht-2023-9499000-usd-for-sale\/screenshot-3813\/\" border=\"0\" itemprop=\"url\"> <meta itemprop=\"width\" content=\"229\"> <meta itemprop=\"height\" content=\"150\"> <img decoding=\"async\" class=\"\" data-attachment-id=\"165539\" data-orig-file=\"https:\/\/itayachtscanada.com\/wp-content\/uploads\/2024\/06\/Capture-decran-le-2024-06-08-a-13.10.22.jpg\" data-orig-size=\"1912,1256\" data-comments-opened=\"1\" data-image-meta=\"{&quot;aperture&quot;:&quot;0&quot;,&quot;credit&quot;:&quot;&quot;,&quot;camera&quot;:&quot;&quot;,&quot;caption&quot;:&quot;Screenshot&quot;,&quot;created_timestamp&quot;:&quot;0&quot;,&quot;copyright&quot;:&quot;&quot;,&quot;focal_length&quot;:&quot;0&quot;,&quot;iso&quot;:&quot;0&quot;,&quot;shutter_speed&quot;:&quot;0&quot;,&quot;title&quot;:&quot;Screenshot&quot;,&quot;orientation&quot;:&quot;1&quot;}\" data-image-title=\"Screenshot\" data-image-description=\"\" data-medium-file=\"https:\/\/i0.wp.com\/itayachtscanada.com\/wp-content\/uploads\/2024\/06\/Capture-decran-le-2024-06-08-a-13.10.22.jpg?fit=300%2C197&#038;ssl=1\" data-large-file=\"https:\/\/i0.wp.com\/itayachtscanada.com\/wp-content\/uploads\/2024\/06\/Capture-decran-le-2024-06-08-a-13.10.22.jpg?fit=700%2C460&#038;ssl=1\" src=\"https:\/\/i0.wp.com\/itayachtscanada.com\/wp-content\/uploads\/2024\/06\/Capture-decran-le-2024-06-08-a-13.10.22.jpg?w=229&#038;h=150&#038;ssl=1\" srcset=\"https:\/\/i0.wp.com\/itayachtscanada.com\/wp-content\/uploads\/2024\/06\/Capture-decran-le-2024-06-08-a-13.10.22.jpg?w=1912&amp;ssl=1 1912w, https:\/\/i0.wp.com\/itayachtscanada.com\/wp-content\/uploads\/2024\/06\/Capture-decran-le-2024-06-08-a-13.10.22.jpg?resize=300%2C197&amp;ssl=1 300w, https:\/\/i0.wp.com\/itayachtscanada.com\/wp-content\/uploads\/2024\/06\/Capture-decran-le-2024-06-08-a-13.10.22.jpg?resize=1024%2C673&amp;ssl=1 1024w, https:\/\/i0.wp.com\/itayachtscanada.com\/wp-content\/uploads\/2024\/06\/Capture-decran-le-2024-06-08-a-13.10.22.jpg?resize=768%2C505&amp;ssl=1 768w, https:\/\/i0.wp.com\/itayachtscanada.com\/wp-content\/uploads\/2024\/06\/Capture-decran-le-2024-06-08-a-13.10.22.jpg?resize=1536%2C1009&amp;ssl=1 1536w, https:\/\/i0.wp.com\/itayachtscanada.com\/wp-content\/uploads\/2024\/06\/Capture-decran-le-2024-06-08-a-13.10.22.jpg?resize=1200%2C788&amp;ssl=1 1200w, https:\/\/i0.wp.com\/itayachtscanada.com\/wp-content\/uploads\/2024\/06\/Capture-decran-le-2024-06-08-a-13.10.22.jpg?resize=700%2C460&amp;ssl=1 700w, https:\/\/i0.wp.com\/itayachtscanada.com\/wp-content\/uploads\/2024\/06\/Capture-decran-le-2024-06-08-a-13.10.22.jpg?resize=609%2C400&amp;ssl=1 609w, https:\/\/i0.wp.com\/itayachtscanada.com\/wp-content\/uploads\/2024\/06\/Capture-decran-le-2024-06-08-a-13.10.22.jpg?w=1400&amp;ssl=1 1400w\" width=\"229\" height=\"150\" loading=\"lazy\" data-original-width=\"229\" data-original-height=\"150\" itemprop=\"http:\/\/schema.org\/image\" title=\"Screenshot\" alt=\"Screenshot\" style=\"width: 229px; height: 150px;\" \/> <\/a> <\/div> <\/div> <!-- close group --> <\/div> <!-- close row --> <div class=\"gallery-row\" style=\"width: 700px; height: 155px;\" data-original-width=\"700\" data-original-height=\"155\" > <div class=\"gallery-group images-1\" style=\"width: 234px; height: 155px;\" data-original-width=\"234\" data-original-height=\"155\" > <div class=\"tiled-gallery-item tiled-gallery-item-small\" itemprop=\"associatedMedia\" itemscope itemtype=\"http:\/\/schema.org\/ImageObject\"> <a href=\"https:\/\/itayachtscanada.com\/fr\/listing\/sunseeker-95-yacht-2023-9499000-usd-for-sale\/screenshot-3805\/\" border=\"0\" itemprop=\"url\"> <meta itemprop=\"width\" content=\"230\"> <meta itemprop=\"height\" content=\"151\"> <img decoding=\"async\" class=\"\" data-attachment-id=\"165531\" data-orig-file=\"https:\/\/itayachtscanada.com\/wp-content\/uploads\/2024\/06\/Capture-decran-le-2024-06-08-a-13.10.58.jpg\" data-orig-size=\"1912,1256\" data-comments-opened=\"1\" data-image-meta=\"{&quot;aperture&quot;:&quot;0&quot;,&quot;credit&quot;:&quot;&quot;,&quot;camera&quot;:&quot;&quot;,&quot;caption&quot;:&quot;Screenshot&quot;,&quot;created_timestamp&quot;:&quot;0&quot;,&quot;copyright&quot;:&quot;&quot;,&quot;focal_length&quot;:&quot;0&quot;,&quot;iso&quot;:&quot;0&quot;,&quot;shutter_speed&quot;:&quot;0&quot;,&quot;title&quot;:&quot;Screenshot&quot;,&quot;orientation&quot;:&quot;1&quot;}\" data-image-title=\"Screenshot\" data-image-description=\"\" data-medium-file=\"https:\/\/i0.wp.com\/itayachtscanada.com\/wp-content\/uploads\/2024\/06\/Capture-decran-le-2024-06-08-a-13.10.58.jpg?fit=300%2C197&#038;ssl=1\" data-large-file=\"https:\/\/i0.wp.com\/itayachtscanada.com\/wp-content\/uploads\/2024\/06\/Capture-decran-le-2024-06-08-a-13.10.58.jpg?fit=700%2C460&#038;ssl=1\" src=\"https:\/\/i0.wp.com\/itayachtscanada.com\/wp-content\/uploads\/2024\/06\/Capture-decran-le-2024-06-08-a-13.10.58.jpg?w=230&#038;h=151&#038;ssl=1\" srcset=\"https:\/\/i0.wp.com\/itayachtscanada.com\/wp-content\/uploads\/2024\/06\/Capture-decran-le-2024-06-08-a-13.10.58.jpg?w=1912&amp;ssl=1 1912w, https:\/\/i0.wp.com\/itayachtscanada.com\/wp-content\/uploads\/2024\/06\/Capture-decran-le-2024-06-08-a-13.10.58.jpg?resize=300%2C197&amp;ssl=1 300w, https:\/\/i0.wp.com\/itayachtscanada.com\/wp-content\/uploads\/2024\/06\/Capture-decran-le-2024-06-08-a-13.10.58.jpg?resize=1024%2C673&amp;ssl=1 1024w, https:\/\/i0.wp.com\/itayachtscanada.com\/wp-content\/uploads\/2024\/06\/Capture-decran-le-2024-06-08-a-13.10.58.jpg?resize=768%2C505&amp;ssl=1 768w, https:\/\/i0.wp.com\/itayachtscanada.com\/wp-content\/uploads\/2024\/06\/Capture-decran-le-2024-06-08-a-13.10.58.jpg?resize=1536%2C1009&amp;ssl=1 1536w, https:\/\/i0.wp.com\/itayachtscanada.com\/wp-content\/uploads\/2024\/06\/Capture-decran-le-2024-06-08-a-13.10.58.jpg?resize=1200%2C788&amp;ssl=1 1200w, https:\/\/i0.wp.com\/itayachtscanada.com\/wp-content\/uploads\/2024\/06\/Capture-decran-le-2024-06-08-a-13.10.58.jpg?resize=700%2C460&amp;ssl=1 700w, https:\/\/i0.wp.com\/itayachtscanada.com\/wp-content\/uploads\/2024\/06\/Capture-decran-le-2024-06-08-a-13.10.58.jpg?resize=609%2C400&amp;ssl=1 609w, https:\/\/i0.wp.com\/itayachtscanada.com\/wp-content\/uploads\/2024\/06\/Capture-decran-le-2024-06-08-a-13.10.58.jpg?w=1400&amp;ssl=1 1400w\" width=\"230\" height=\"151\" loading=\"lazy\" data-original-width=\"230\" data-original-height=\"151\" itemprop=\"http:\/\/schema.org\/image\" title=\"Screenshot\" alt=\"Screenshot\" style=\"width: 230px; height: 151px;\" \/> <\/a> <\/div> <\/div> <!-- close group --> <div class=\"gallery-group images-1\" style=\"width: 233px; height: 155px;\" data-original-width=\"233\" data-original-height=\"155\" > <div class=\"tiled-gallery-item tiled-gallery-item-small\" itemprop=\"associatedMedia\" itemscope itemtype=\"http:\/\/schema.org\/ImageObject\"> <a href=\"https:\/\/itayachtscanada.com\/fr\/listing\/sunseeker-95-yacht-2023-9499000-usd-for-sale\/screenshot-3811\/\" border=\"0\" itemprop=\"url\"> <meta itemprop=\"width\" content=\"229\"> <meta itemprop=\"height\" content=\"151\"> <img decoding=\"async\" class=\"\" data-attachment-id=\"165537\" data-orig-file=\"https:\/\/itayachtscanada.com\/wp-content\/uploads\/2024\/06\/Capture-decran-le-2024-06-08-a-13.10.30.jpg\" data-orig-size=\"1912,1256\" data-comments-opened=\"1\" data-image-meta=\"{&quot;aperture&quot;:&quot;0&quot;,&quot;credit&quot;:&quot;&quot;,&quot;camera&quot;:&quot;&quot;,&quot;caption&quot;:&quot;Screenshot&quot;,&quot;created_timestamp&quot;:&quot;0&quot;,&quot;copyright&quot;:&quot;&quot;,&quot;focal_length&quot;:&quot;0&quot;,&quot;iso&quot;:&quot;0&quot;,&quot;shutter_speed&quot;:&quot;0&quot;,&quot;title&quot;:&quot;Screenshot&quot;,&quot;orientation&quot;:&quot;1&quot;}\" data-image-title=\"Screenshot\" data-image-description=\"\" data-medium-file=\"https:\/\/i0.wp.com\/itayachtscanada.com\/wp-content\/uploads\/2024\/06\/Capture-decran-le-2024-06-08-a-13.10.30.jpg?fit=300%2C197&#038;ssl=1\" data-large-file=\"https:\/\/i0.wp.com\/itayachtscanada.com\/wp-content\/uploads\/2024\/06\/Capture-decran-le-2024-06-08-a-13.10.30.jpg?fit=700%2C460&#038;ssl=1\" src=\"https:\/\/i0.wp.com\/itayachtscanada.com\/wp-content\/uploads\/2024\/06\/Capture-decran-le-2024-06-08-a-13.10.30.jpg?w=229&#038;h=151&#038;ssl=1\" srcset=\"https:\/\/i0.wp.com\/itayachtscanada.com\/wp-content\/uploads\/2024\/06\/Capture-decran-le-2024-06-08-a-13.10.30.jpg?w=1912&amp;ssl=1 1912w, https:\/\/i0.wp.com\/itayachtscanada.com\/wp-content\/uploads\/2024\/06\/Capture-decran-le-2024-06-08-a-13.10.30.jpg?resize=300%2C197&amp;ssl=1 300w, https:\/\/i0.wp.com\/itayachtscanada.com\/wp-content\/uploads\/2024\/06\/Capture-decran-le-2024-06-08-a-13.10.30.jpg?resize=1024%2C673&amp;ssl=1 1024w, https:\/\/i0.wp.com\/itayachtscanada.com\/wp-content\/uploads\/2024\/06\/Capture-decran-le-2024-06-08-a-13.10.30.jpg?resize=768%2C505&amp;ssl=1 768w, https:\/\/i0.wp.com\/itayachtscanada.com\/wp-content\/uploads\/2024\/06\/Capture-decran-le-2024-06-08-a-13.10.30.jpg?resize=1536%2C1009&amp;ssl=1 1536w, https:\/\/i0.wp.com\/itayachtscanada.com\/wp-content\/uploads\/2024\/06\/Capture-decran-le-2024-06-08-a-13.10.30.jpg?resize=1200%2C788&amp;ssl=1 1200w, https:\/\/i0.wp.com\/itayachtscanada.com\/wp-content\/uploads\/2024\/06\/Capture-decran-le-2024-06-08-a-13.10.30.jpg?resize=700%2C460&amp;ssl=1 700w, https:\/\/i0.wp.com\/itayachtscanada.com\/wp-content\/uploads\/2024\/06\/Capture-decran-le-2024-06-08-a-13.10.30.jpg?resize=609%2C400&amp;ssl=1 609w, https:\/\/i0.wp.com\/itayachtscanada.com\/wp-content\/uploads\/2024\/06\/Capture-decran-le-2024-06-08-a-13.10.30.jpg?w=1400&amp;ssl=1 1400w\" width=\"229\" height=\"151\" loading=\"lazy\" data-original-width=\"229\" data-original-height=\"151\" itemprop=\"http:\/\/schema.org\/image\" title=\"Screenshot\" alt=\"Sunseeker 95 Yacht 2023\" style=\"width: 229px; height: 151px;\" \/> <\/a> <div class=\"tiled-gallery-caption\" itemprop=\"caption description\"> Sunseeker 95 Yacht 2023 <\/div> <\/div> <\/div> <!-- close group --> <div class=\"gallery-group images-1\" style=\"width: 233px; height: 155px;\" data-original-width=\"233\" data-original-height=\"155\" > <div class=\"tiled-gallery-item tiled-gallery-item-small\" itemprop=\"associatedMedia\" itemscope itemtype=\"http:\/\/schema.org\/ImageObject\"> <a href=\"https:\/\/itayachtscanada.com\/fr\/listing\/sunseeker-95-yacht-2023-9499000-usd-for-sale\/screenshot-3812\/\" border=\"0\" itemprop=\"url\"> <meta itemprop=\"width\" content=\"229\"> <meta itemprop=\"height\" content=\"151\"> <img decoding=\"async\" class=\"\" data-attachment-id=\"165538\" data-orig-file=\"https:\/\/itayachtscanada.com\/wp-content\/uploads\/2024\/06\/Capture-decran-le-2024-06-08-a-13.10.26.jpg\" data-orig-size=\"1912,1256\" data-comments-opened=\"1\" data-image-meta=\"{&quot;aperture&quot;:&quot;0&quot;,&quot;credit&quot;:&quot;&quot;,&quot;camera&quot;:&quot;&quot;,&quot;caption&quot;:&quot;Screenshot&quot;,&quot;created_timestamp&quot;:&quot;0&quot;,&quot;copyright&quot;:&quot;&quot;,&quot;focal_length&quot;:&quot;0&quot;,&quot;iso&quot;:&quot;0&quot;,&quot;shutter_speed&quot;:&quot;0&quot;,&quot;title&quot;:&quot;Screenshot&quot;,&quot;orientation&quot;:&quot;1&quot;}\" data-image-title=\"Screenshot\" data-image-description=\"\" data-medium-file=\"https:\/\/i0.wp.com\/itayachtscanada.com\/wp-content\/uploads\/2024\/06\/Capture-decran-le-2024-06-08-a-13.10.26.jpg?fit=300%2C197&#038;ssl=1\" data-large-file=\"https:\/\/i0.wp.com\/itayachtscanada.com\/wp-content\/uploads\/2024\/06\/Capture-decran-le-2024-06-08-a-13.10.26.jpg?fit=700%2C460&#038;ssl=1\" src=\"https:\/\/i0.wp.com\/itayachtscanada.com\/wp-content\/uploads\/2024\/06\/Capture-decran-le-2024-06-08-a-13.10.26.jpg?w=229&#038;h=151&#038;ssl=1\" srcset=\"https:\/\/i0.wp.com\/itayachtscanada.com\/wp-content\/uploads\/2024\/06\/Capture-decran-le-2024-06-08-a-13.10.26.jpg?w=1912&amp;ssl=1 1912w, https:\/\/i0.wp.com\/itayachtscanada.com\/wp-content\/uploads\/2024\/06\/Capture-decran-le-2024-06-08-a-13.10.26.jpg?resize=300%2C197&amp;ssl=1 300w, https:\/\/i0.wp.com\/itayachtscanada.com\/wp-content\/uploads\/2024\/06\/Capture-decran-le-2024-06-08-a-13.10.26.jpg?resize=1024%2C673&amp;ssl=1 1024w, https:\/\/i0.wp.com\/itayachtscanada.com\/wp-content\/uploads\/2024\/06\/Capture-decran-le-2024-06-08-a-13.10.26.jpg?resize=768%2C505&amp;ssl=1 768w, https:\/\/i0.wp.com\/itayachtscanada.com\/wp-content\/uploads\/2024\/06\/Capture-decran-le-2024-06-08-a-13.10.26.jpg?resize=1536%2C1009&amp;ssl=1 1536w, https:\/\/i0.wp.com\/itayachtscanada.com\/wp-content\/uploads\/2024\/06\/Capture-decran-le-2024-06-08-a-13.10.26.jpg?resize=1200%2C788&amp;ssl=1 1200w, https:\/\/i0.wp.com\/itayachtscanada.com\/wp-content\/uploads\/2024\/06\/Capture-decran-le-2024-06-08-a-13.10.26.jpg?resize=700%2C460&amp;ssl=1 700w, https:\/\/i0.wp.com\/itayachtscanada.com\/wp-content\/uploads\/2024\/06\/Capture-decran-le-2024-06-08-a-13.10.26.jpg?resize=609%2C400&amp;ssl=1 609w, https:\/\/i0.wp.com\/itayachtscanada.com\/wp-content\/uploads\/2024\/06\/Capture-decran-le-2024-06-08-a-13.10.26.jpg?w=1400&amp;ssl=1 1400w\" width=\"229\" height=\"151\" loading=\"lazy\" data-original-width=\"229\" data-original-height=\"151\" itemprop=\"http:\/\/schema.org\/image\" title=\"Screenshot\" alt=\"Screenshot\" style=\"width: 229px; height: 151px;\" \/> <\/a> <\/div> <\/div> <!-- close group --> <\/div> <!-- close row --> <div class=\"gallery-row\" style=\"width: 700px; height: 308px;\" data-original-width=\"700\" data-original-height=\"308\" > <div class=\"gallery-group images-2\" style=\"width: 233px; height: 308px;\" data-original-width=\"233\" data-original-height=\"308\" > <div class=\"tiled-gallery-item tiled-gallery-item-small\" itemprop=\"associatedMedia\" itemscope itemtype=\"http:\/\/schema.org\/ImageObject\"> <a href=\"https:\/\/itayachtscanada.com\/fr\/listing\/sunseeker-95-yacht-2023-9499000-usd-for-sale\/screenshot-3809\/\" border=\"0\" itemprop=\"url\"> <meta itemprop=\"width\" content=\"229\"> <meta itemprop=\"height\" content=\"150\"> <img decoding=\"async\" class=\"\" data-attachment-id=\"165535\" data-orig-file=\"https:\/\/itayachtscanada.com\/wp-content\/uploads\/2024\/06\/Capture-decran-le-2024-06-08-a-13.10.39.jpg\" data-orig-size=\"1912,1256\" data-comments-opened=\"1\" data-image-meta=\"{&quot;aperture&quot;:&quot;0&quot;,&quot;credit&quot;:&quot;&quot;,&quot;camera&quot;:&quot;&quot;,&quot;caption&quot;:&quot;Screenshot&quot;,&quot;created_timestamp&quot;:&quot;0&quot;,&quot;copyright&quot;:&quot;&quot;,&quot;focal_length&quot;:&quot;0&quot;,&quot;iso&quot;:&quot;0&quot;,&quot;shutter_speed&quot;:&quot;0&quot;,&quot;title&quot;:&quot;Screenshot&quot;,&quot;orientation&quot;:&quot;1&quot;}\" data-image-title=\"Screenshot\" data-image-description=\"\" data-medium-file=\"https:\/\/i0.wp.com\/itayachtscanada.com\/wp-content\/uploads\/2024\/06\/Capture-decran-le-2024-06-08-a-13.10.39.jpg?fit=300%2C197&#038;ssl=1\" data-large-file=\"https:\/\/i0.wp.com\/itayachtscanada.com\/wp-content\/uploads\/2024\/06\/Capture-decran-le-2024-06-08-a-13.10.39.jpg?fit=700%2C460&#038;ssl=1\" src=\"https:\/\/i0.wp.com\/itayachtscanada.com\/wp-content\/uploads\/2024\/06\/Capture-decran-le-2024-06-08-a-13.10.39.jpg?w=229&#038;h=150&#038;ssl=1\" srcset=\"https:\/\/i0.wp.com\/itayachtscanada.com\/wp-content\/uploads\/2024\/06\/Capture-decran-le-2024-06-08-a-13.10.39.jpg?w=1912&amp;ssl=1 1912w, https:\/\/i0.wp.com\/itayachtscanada.com\/wp-content\/uploads\/2024\/06\/Capture-decran-le-2024-06-08-a-13.10.39.jpg?resize=300%2C197&amp;ssl=1 300w, https:\/\/i0.wp.com\/itayachtscanada.com\/wp-content\/uploads\/2024\/06\/Capture-decran-le-2024-06-08-a-13.10.39.jpg?resize=1024%2C673&amp;ssl=1 1024w, https:\/\/i0.wp.com\/itayachtscanada.com\/wp-content\/uploads\/2024\/06\/Capture-decran-le-2024-06-08-a-13.10.39.jpg?resize=768%2C505&amp;ssl=1 768w, https:\/\/i0.wp.com\/itayachtscanada.com\/wp-content\/uploads\/2024\/06\/Capture-decran-le-2024-06-08-a-13.10.39.jpg?resize=1536%2C1009&amp;ssl=1 1536w, https:\/\/i0.wp.com\/itayachtscanada.com\/wp-content\/uploads\/2024\/06\/Capture-decran-le-2024-06-08-a-13.10.39.jpg?resize=1200%2C788&amp;ssl=1 1200w, https:\/\/i0.wp.com\/itayachtscanada.com\/wp-content\/uploads\/2024\/06\/Capture-decran-le-2024-06-08-a-13.10.39.jpg?resize=700%2C460&amp;ssl=1 700w, https:\/\/i0.wp.com\/itayachtscanada.com\/wp-content\/uploads\/2024\/06\/Capture-decran-le-2024-06-08-a-13.10.39.jpg?resize=609%2C400&amp;ssl=1 609w, https:\/\/i0.wp.com\/itayachtscanada.com\/wp-content\/uploads\/2024\/06\/Capture-decran-le-2024-06-08-a-13.10.39.jpg?w=1400&amp;ssl=1 1400w\" width=\"229\" height=\"150\" loading=\"lazy\" data-original-width=\"229\" data-original-height=\"150\" itemprop=\"http:\/\/schema.org\/image\" title=\"Screenshot\" alt=\"Screenshot\" style=\"width: 229px; height: 150px;\" \/> <\/a> <\/div> <div class=\"tiled-gallery-item tiled-gallery-item-small\" itemprop=\"associatedMedia\" itemscope itemtype=\"http:\/\/schema.org\/ImageObject\"> <a href=\"https:\/\/itayachtscanada.com\/fr\/listing\/sunseeker-95-yacht-2023-9499000-usd-for-sale\/screenshot-3810\/\" border=\"0\" itemprop=\"url\"> <meta itemprop=\"width\" content=\"229\"> <meta itemprop=\"height\" content=\"150\"> <img decoding=\"async\" class=\"\" data-attachment-id=\"165536\" data-orig-file=\"https:\/\/itayachtscanada.com\/wp-content\/uploads\/2024\/06\/Capture-decran-le-2024-06-08-a-13.10.34.jpg\" data-orig-size=\"1912,1256\" data-comments-opened=\"1\" data-image-meta=\"{&quot;aperture&quot;:&quot;0&quot;,&quot;credit&quot;:&quot;&quot;,&quot;camera&quot;:&quot;&quot;,&quot;caption&quot;:&quot;Screenshot&quot;,&quot;created_timestamp&quot;:&quot;0&quot;,&quot;copyright&quot;:&quot;&quot;,&quot;focal_length&quot;:&quot;0&quot;,&quot;iso&quot;:&quot;0&quot;,&quot;shutter_speed&quot;:&quot;0&quot;,&quot;title&quot;:&quot;Screenshot&quot;,&quot;orientation&quot;:&quot;1&quot;}\" data-image-title=\"Screenshot\" data-image-description=\"\" data-medium-file=\"https:\/\/i0.wp.com\/itayachtscanada.com\/wp-content\/uploads\/2024\/06\/Capture-decran-le-2024-06-08-a-13.10.34.jpg?fit=300%2C197&#038;ssl=1\" data-large-file=\"https:\/\/i0.wp.com\/itayachtscanada.com\/wp-content\/uploads\/2024\/06\/Capture-decran-le-2024-06-08-a-13.10.34.jpg?fit=700%2C460&#038;ssl=1\" src=\"https:\/\/i0.wp.com\/itayachtscanada.com\/wp-content\/uploads\/2024\/06\/Capture-decran-le-2024-06-08-a-13.10.34.jpg?w=229&#038;h=150&#038;ssl=1\" srcset=\"https:\/\/i0.wp.com\/itayachtscanada.com\/wp-content\/uploads\/2024\/06\/Capture-decran-le-2024-06-08-a-13.10.34.jpg?w=1912&amp;ssl=1 1912w, https:\/\/i0.wp.com\/itayachtscanada.com\/wp-content\/uploads\/2024\/06\/Capture-decran-le-2024-06-08-a-13.10.34.jpg?resize=300%2C197&amp;ssl=1 300w, https:\/\/i0.wp.com\/itayachtscanada.com\/wp-content\/uploads\/2024\/06\/Capture-decran-le-2024-06-08-a-13.10.34.jpg?resize=1024%2C673&amp;ssl=1 1024w, https:\/\/i0.wp.com\/itayachtscanada.com\/wp-content\/uploads\/2024\/06\/Capture-decran-le-2024-06-08-a-13.10.34.jpg?resize=768%2C505&amp;ssl=1 768w, https:\/\/i0.wp.com\/itayachtscanada.com\/wp-content\/uploads\/2024\/06\/Capture-decran-le-2024-06-08-a-13.10.34.jpg?resize=1536%2C1009&amp;ssl=1 1536w, https:\/\/i0.wp.com\/itayachtscanada.com\/wp-content\/uploads\/2024\/06\/Capture-decran-le-2024-06-08-a-13.10.34.jpg?resize=1200%2C788&amp;ssl=1 1200w, https:\/\/i0.wp.com\/itayachtscanada.com\/wp-content\/uploads\/2024\/06\/Capture-decran-le-2024-06-08-a-13.10.34.jpg?resize=700%2C460&amp;ssl=1 700w, https:\/\/i0.wp.com\/itayachtscanada.com\/wp-content\/uploads\/2024\/06\/Capture-decran-le-2024-06-08-a-13.10.34.jpg?resize=609%2C400&amp;ssl=1 609w, https:\/\/i0.wp.com\/itayachtscanada.com\/wp-content\/uploads\/2024\/06\/Capture-decran-le-2024-06-08-a-13.10.34.jpg?w=1400&amp;ssl=1 1400w\" width=\"229\" height=\"150\" loading=\"lazy\" data-original-width=\"229\" data-original-height=\"150\" itemprop=\"http:\/\/schema.org\/image\" title=\"Screenshot\" alt=\"Screenshot\" style=\"width: 229px; height: 150px;\" \/> <\/a> <\/div> <\/div> <!-- close group --> <div class=\"gallery-group images-1\" style=\"width: 467px; height: 308px;\" data-original-width=\"467\" data-original-height=\"308\" > <div class=\"tiled-gallery-item tiled-gallery-item-large\" itemprop=\"associatedMedia\" itemscope itemtype=\"http:\/\/schema.org\/ImageObject\"> <a href=\"https:\/\/itayachtscanada.com\/fr\/listing\/sunseeker-95-yacht-2023-9499000-usd-for-sale\/screenshot-3808\/\" border=\"0\" itemprop=\"url\"> <meta itemprop=\"width\" content=\"463\"> <meta itemprop=\"height\" content=\"304\"> <img decoding=\"async\" class=\"\" data-attachment-id=\"165534\" data-orig-file=\"https:\/\/itayachtscanada.com\/wp-content\/uploads\/2024\/06\/Capture-decran-le-2024-06-08-a-13.10.44.jpg\" data-orig-size=\"1912,1256\" data-comments-opened=\"1\" data-image-meta=\"{&quot;aperture&quot;:&quot;0&quot;,&quot;credit&quot;:&quot;&quot;,&quot;camera&quot;:&quot;&quot;,&quot;caption&quot;:&quot;Screenshot&quot;,&quot;created_timestamp&quot;:&quot;0&quot;,&quot;copyright&quot;:&quot;&quot;,&quot;focal_length&quot;:&quot;0&quot;,&quot;iso&quot;:&quot;0&quot;,&quot;shutter_speed&quot;:&quot;0&quot;,&quot;title&quot;:&quot;Screenshot&quot;,&quot;orientation&quot;:&quot;1&quot;}\" data-image-title=\"Screenshot\" data-image-description=\"\" data-medium-file=\"https:\/\/i0.wp.com\/itayachtscanada.com\/wp-content\/uploads\/2024\/06\/Capture-decran-le-2024-06-08-a-13.10.44.jpg?fit=300%2C197&#038;ssl=1\" data-large-file=\"https:\/\/i0.wp.com\/itayachtscanada.com\/wp-content\/uploads\/2024\/06\/Capture-decran-le-2024-06-08-a-13.10.44.jpg?fit=700%2C460&#038;ssl=1\" src=\"https:\/\/i0.wp.com\/itayachtscanada.com\/wp-content\/uploads\/2024\/06\/Capture-decran-le-2024-06-08-a-13.10.44.jpg?w=463&#038;h=304&#038;ssl=1\" srcset=\"https:\/\/i0.wp.com\/itayachtscanada.com\/wp-content\/uploads\/2024\/06\/Capture-decran-le-2024-06-08-a-13.10.44.jpg?w=1912&amp;ssl=1 1912w, https:\/\/i0.wp.com\/itayachtscanada.com\/wp-content\/uploads\/2024\/06\/Capture-decran-le-2024-06-08-a-13.10.44.jpg?resize=300%2C197&amp;ssl=1 300w, https:\/\/i0.wp.com\/itayachtscanada.com\/wp-content\/uploads\/2024\/06\/Capture-decran-le-2024-06-08-a-13.10.44.jpg?resize=1024%2C673&amp;ssl=1 1024w, https:\/\/i0.wp.com\/itayachtscanada.com\/wp-content\/uploads\/2024\/06\/Capture-decran-le-2024-06-08-a-13.10.44.jpg?resize=768%2C505&amp;ssl=1 768w, https:\/\/i0.wp.com\/itayachtscanada.com\/wp-content\/uploads\/2024\/06\/Capture-decran-le-2024-06-08-a-13.10.44.jpg?resize=1536%2C1009&amp;ssl=1 1536w, https:\/\/i0.wp.com\/itayachtscanada.com\/wp-content\/uploads\/2024\/06\/Capture-decran-le-2024-06-08-a-13.10.44.jpg?resize=1200%2C788&amp;ssl=1 1200w, https:\/\/i0.wp.com\/itayachtscanada.com\/wp-content\/uploads\/2024\/06\/Capture-decran-le-2024-06-08-a-13.10.44.jpg?resize=700%2C460&amp;ssl=1 700w, https:\/\/i0.wp.com\/itayachtscanada.com\/wp-content\/uploads\/2024\/06\/Capture-decran-le-2024-06-08-a-13.10.44.jpg?resize=609%2C400&amp;ssl=1 609w, https:\/\/i0.wp.com\/itayachtscanada.com\/wp-content\/uploads\/2024\/06\/Capture-decran-le-2024-06-08-a-13.10.44.jpg?w=1400&amp;ssl=1 1400w\" width=\"463\" height=\"304\" loading=\"lazy\" data-original-width=\"463\" data-original-height=\"304\" itemprop=\"http:\/\/schema.org\/image\" title=\"Screenshot\" alt=\"Screenshot\" style=\"width: 463px; height: 304px;\" \/> <\/a> <\/div> <\/div> <!-- close group --> <\/div> <!-- close row --> <div class=\"gallery-row\" style=\"width: 700px; height: 231px;\" data-original-width=\"700\" data-original-height=\"231\" > <div class=\"gallery-group images-1\" style=\"width: 350px; height: 231px;\" data-original-width=\"350\" data-original-height=\"231\" > <div class=\"tiled-gallery-item tiled-gallery-item-large\" itemprop=\"associatedMedia\" itemscope itemtype=\"http:\/\/schema.org\/ImageObject\"> <a href=\"https:\/\/itayachtscanada.com\/fr\/listing\/sunseeker-95-yacht-2023-9499000-usd-for-sale\/screenshot-3807\/\" border=\"0\" itemprop=\"url\"> <meta itemprop=\"width\" content=\"346\"> <meta itemprop=\"height\" content=\"227\"> <img decoding=\"async\" class=\"\" data-attachment-id=\"165533\" data-orig-file=\"https:\/\/itayachtscanada.com\/wp-content\/uploads\/2024\/06\/Capture-decran-le-2024-06-08-a-13.10.49.jpg\" data-orig-size=\"1912,1256\" data-comments-opened=\"1\" data-image-meta=\"{&quot;aperture&quot;:&quot;0&quot;,&quot;credit&quot;:&quot;&quot;,&quot;camera&quot;:&quot;&quot;,&quot;caption&quot;:&quot;Screenshot&quot;,&quot;created_timestamp&quot;:&quot;0&quot;,&quot;copyright&quot;:&quot;&quot;,&quot;focal_length&quot;:&quot;0&quot;,&quot;iso&quot;:&quot;0&quot;,&quot;shutter_speed&quot;:&quot;0&quot;,&quot;title&quot;:&quot;Screenshot&quot;,&quot;orientation&quot;:&quot;1&quot;}\" data-image-title=\"Screenshot\" data-image-description=\"\" data-medium-file=\"https:\/\/i0.wp.com\/itayachtscanada.com\/wp-content\/uploads\/2024\/06\/Capture-decran-le-2024-06-08-a-13.10.49.jpg?fit=300%2C197&#038;ssl=1\" data-large-file=\"https:\/\/i0.wp.com\/itayachtscanada.com\/wp-content\/uploads\/2024\/06\/Capture-decran-le-2024-06-08-a-13.10.49.jpg?fit=700%2C460&#038;ssl=1\" src=\"https:\/\/i0.wp.com\/itayachtscanada.com\/wp-content\/uploads\/2024\/06\/Capture-decran-le-2024-06-08-a-13.10.49.jpg?w=346&#038;h=227&#038;ssl=1\" srcset=\"https:\/\/i0.wp.com\/itayachtscanada.com\/wp-content\/uploads\/2024\/06\/Capture-decran-le-2024-06-08-a-13.10.49.jpg?w=1912&amp;ssl=1 1912w, https:\/\/i0.wp.com\/itayachtscanada.com\/wp-content\/uploads\/2024\/06\/Capture-decran-le-2024-06-08-a-13.10.49.jpg?resize=300%2C197&amp;ssl=1 300w, https:\/\/i0.wp.com\/itayachtscanada.com\/wp-content\/uploads\/2024\/06\/Capture-decran-le-2024-06-08-a-13.10.49.jpg?resize=1024%2C673&amp;ssl=1 1024w, https:\/\/i0.wp.com\/itayachtscanada.com\/wp-content\/uploads\/2024\/06\/Capture-decran-le-2024-06-08-a-13.10.49.jpg?resize=768%2C505&amp;ssl=1 768w, https:\/\/i0.wp.com\/itayachtscanada.com\/wp-content\/uploads\/2024\/06\/Capture-decran-le-2024-06-08-a-13.10.49.jpg?resize=1536%2C1009&amp;ssl=1 1536w, https:\/\/i0.wp.com\/itayachtscanada.com\/wp-content\/uploads\/2024\/06\/Capture-decran-le-2024-06-08-a-13.10.49.jpg?resize=1200%2C788&amp;ssl=1 1200w, https:\/\/i0.wp.com\/itayachtscanada.com\/wp-content\/uploads\/2024\/06\/Capture-decran-le-2024-06-08-a-13.10.49.jpg?resize=700%2C460&amp;ssl=1 700w, https:\/\/i0.wp.com\/itayachtscanada.com\/wp-content\/uploads\/2024\/06\/Capture-decran-le-2024-06-08-a-13.10.49.jpg?resize=609%2C400&amp;ssl=1 609w, https:\/\/i0.wp.com\/itayachtscanada.com\/wp-content\/uploads\/2024\/06\/Capture-decran-le-2024-06-08-a-13.10.49.jpg?w=1400&amp;ssl=1 1400w\" width=\"346\" height=\"227\" loading=\"lazy\" data-original-width=\"346\" data-original-height=\"227\" itemprop=\"http:\/\/schema.org\/image\" title=\"Screenshot\" alt=\"Screenshot\" style=\"width: 346px; height: 227px;\" \/> <\/a> <\/div> <\/div> <!-- close group --> <div class=\"gallery-group images-1\" style=\"width: 350px; height: 231px;\" data-original-width=\"350\" data-original-height=\"231\" > <div class=\"tiled-gallery-item tiled-gallery-item-large\" itemprop=\"associatedMedia\" itemscope itemtype=\"http:\/\/schema.org\/ImageObject\"> <a href=\"https:\/\/itayachtscanada.com\/fr\/listing\/sunseeker-95-yacht-2023-9499000-usd-for-sale\/screenshot-3806\/\" border=\"0\" itemprop=\"url\"> <meta itemprop=\"width\" content=\"346\"> <meta itemprop=\"height\" content=\"227\"> <img decoding=\"async\" class=\"\" data-attachment-id=\"165532\" data-orig-file=\"https:\/\/itayachtscanada.com\/wp-content\/uploads\/2024\/06\/Capture-decran-le-2024-06-08-a-13.10.53.jpg\" data-orig-size=\"1912,1256\" data-comments-opened=\"1\" data-image-meta=\"{&quot;aperture&quot;:&quot;0&quot;,&quot;credit&quot;:&quot;&quot;,&quot;camera&quot;:&quot;&quot;,&quot;caption&quot;:&quot;Screenshot&quot;,&quot;created_timestamp&quot;:&quot;0&quot;,&quot;copyright&quot;:&quot;&quot;,&quot;focal_length&quot;:&quot;0&quot;,&quot;iso&quot;:&quot;0&quot;,&quot;shutter_speed&quot;:&quot;0&quot;,&quot;title&quot;:&quot;Screenshot&quot;,&quot;orientation&quot;:&quot;1&quot;}\" data-image-title=\"Screenshot\" data-image-description=\"\" data-medium-file=\"https:\/\/i0.wp.com\/itayachtscanada.com\/wp-content\/uploads\/2024\/06\/Capture-decran-le-2024-06-08-a-13.10.53.jpg?fit=300%2C197&#038;ssl=1\" data-large-file=\"https:\/\/i0.wp.com\/itayachtscanada.com\/wp-content\/uploads\/2024\/06\/Capture-decran-le-2024-06-08-a-13.10.53.jpg?fit=700%2C460&#038;ssl=1\" src=\"https:\/\/i0.wp.com\/itayachtscanada.com\/wp-content\/uploads\/2024\/06\/Capture-decran-le-2024-06-08-a-13.10.53.jpg?w=346&#038;h=227&#038;ssl=1\" srcset=\"https:\/\/i0.wp.com\/itayachtscanada.com\/wp-content\/uploads\/2024\/06\/Capture-decran-le-2024-06-08-a-13.10.53.jpg?w=1912&amp;ssl=1 1912w, https:\/\/i0.wp.com\/itayachtscanada.com\/wp-content\/uploads\/2024\/06\/Capture-decran-le-2024-06-08-a-13.10.53.jpg?resize=300%2C197&amp;ssl=1 300w, https:\/\/i0.wp.com\/itayachtscanada.com\/wp-content\/uploads\/2024\/06\/Capture-decran-le-2024-06-08-a-13.10.53.jpg?resize=1024%2C673&amp;ssl=1 1024w, https:\/\/i0.wp.com\/itayachtscanada.com\/wp-content\/uploads\/2024\/06\/Capture-decran-le-2024-06-08-a-13.10.53.jpg?resize=768%2C505&amp;ssl=1 768w, https:\/\/i0.wp.com\/itayachtscanada.com\/wp-content\/uploads\/2024\/06\/Capture-decran-le-2024-06-08-a-13.10.53.jpg?resize=1536%2C1009&amp;ssl=1 1536w, https:\/\/i0.wp.com\/itayachtscanada.com\/wp-content\/uploads\/2024\/06\/Capture-decran-le-2024-06-08-a-13.10.53.jpg?resize=1200%2C788&amp;ssl=1 1200w, https:\/\/i0.wp.com\/itayachtscanada.com\/wp-content\/uploads\/2024\/06\/Capture-decran-le-2024-06-08-a-13.10.53.jpg?resize=700%2C460&amp;ssl=1 700w, https:\/\/i0.wp.com\/itayachtscanada.com\/wp-content\/uploads\/2024\/06\/Capture-decran-le-2024-06-08-a-13.10.53.jpg?resize=609%2C400&amp;ssl=1 609w, https:\/\/i0.wp.com\/itayachtscanada.com\/wp-content\/uploads\/2024\/06\/Capture-decran-le-2024-06-08-a-13.10.53.jpg?w=1400&amp;ssl=1 1400w\" width=\"346\" height=\"227\" loading=\"lazy\" data-original-width=\"346\" data-original-height=\"227\" itemprop=\"http:\/\/schema.org\/image\" title=\"Screenshot\" alt=\"Screenshot\" style=\"width: 346px; height: 227px;\" \/> <\/a> <\/div> <\/div> <!-- close group --> <\/div> <!-- close row --> <div class=\"gallery-row\" style=\"width: 700px; height: 312px;\" data-original-width=\"700\" data-original-height=\"312\" > <div class=\"gallery-group images-1\" style=\"width: 467px; height: 312px;\" data-original-width=\"467\" data-original-height=\"312\" > <div class=\"tiled-gallery-item tiled-gallery-item-large\" itemprop=\"associatedMedia\" itemscope itemtype=\"http:\/\/schema.org\/ImageObject\"> <a href=\"https:\/\/itayachtscanada.com\/fr\/listing\/sunseeker-95-yacht-2023-9499000-usd-for-sale\/screenshot-3857\/\" border=\"0\" itemprop=\"url\"> <meta itemprop=\"width\" content=\"463\"> <meta itemprop=\"height\" content=\"308\"> <img decoding=\"async\" class=\"\" data-attachment-id=\"165583\" data-orig-file=\"https:\/\/itayachtscanada.com\/wp-content\/uploads\/2024\/06\/Capture-decran-le-2024-06-08-a-13.06.58.jpg\" data-orig-size=\"1660,1104\" data-comments-opened=\"1\" data-image-meta=\"{&quot;aperture&quot;:&quot;0&quot;,&quot;credit&quot;:&quot;&quot;,&quot;camera&quot;:&quot;&quot;,&quot;caption&quot;:&quot;Screenshot&quot;,&quot;created_timestamp&quot;:&quot;0&quot;,&quot;copyright&quot;:&quot;&quot;,&quot;focal_length&quot;:&quot;0&quot;,&quot;iso&quot;:&quot;0&quot;,&quot;shutter_speed&quot;:&quot;0&quot;,&quot;title&quot;:&quot;Screenshot&quot;,&quot;orientation&quot;:&quot;1&quot;}\" data-image-title=\"Screenshot\" data-image-description=\"\" data-medium-file=\"https:\/\/i0.wp.com\/itayachtscanada.com\/wp-content\/uploads\/2024\/06\/Capture-decran-le-2024-06-08-a-13.06.58.jpg?fit=300%2C200&#038;ssl=1\" data-large-file=\"https:\/\/i0.wp.com\/itayachtscanada.com\/wp-content\/uploads\/2024\/06\/Capture-decran-le-2024-06-08-a-13.06.58.jpg?fit=700%2C466&#038;ssl=1\" src=\"https:\/\/i0.wp.com\/itayachtscanada.com\/wp-content\/uploads\/2024\/06\/Capture-decran-le-2024-06-08-a-13.06.58.jpg?w=463&#038;h=308&#038;ssl=1\" srcset=\"https:\/\/i0.wp.com\/itayachtscanada.com\/wp-content\/uploads\/2024\/06\/Capture-decran-le-2024-06-08-a-13.06.58.jpg?w=1660&amp;ssl=1 1660w, https:\/\/i0.wp.com\/itayachtscanada.com\/wp-content\/uploads\/2024\/06\/Capture-decran-le-2024-06-08-a-13.06.58.jpg?resize=300%2C200&amp;ssl=1 300w, https:\/\/i0.wp.com\/itayachtscanada.com\/wp-content\/uploads\/2024\/06\/Capture-decran-le-2024-06-08-a-13.06.58.jpg?resize=1024%2C681&amp;ssl=1 1024w, https:\/\/i0.wp.com\/itayachtscanada.com\/wp-content\/uploads\/2024\/06\/Capture-decran-le-2024-06-08-a-13.06.58.jpg?resize=768%2C511&amp;ssl=1 768w, https:\/\/i0.wp.com\/itayachtscanada.com\/wp-content\/uploads\/2024\/06\/Capture-decran-le-2024-06-08-a-13.06.58.jpg?resize=1536%2C1022&amp;ssl=1 1536w, https:\/\/i0.wp.com\/itayachtscanada.com\/wp-content\/uploads\/2024\/06\/Capture-decran-le-2024-06-08-a-13.06.58.jpg?resize=1200%2C798&amp;ssl=1 1200w, https:\/\/i0.wp.com\/itayachtscanada.com\/wp-content\/uploads\/2024\/06\/Capture-decran-le-2024-06-08-a-13.06.58.jpg?resize=700%2C466&amp;ssl=1 700w, https:\/\/i0.wp.com\/itayachtscanada.com\/wp-content\/uploads\/2024\/06\/Capture-decran-le-2024-06-08-a-13.06.58.jpg?resize=900%2C600&amp;ssl=1 900w, https:\/\/i0.wp.com\/itayachtscanada.com\/wp-content\/uploads\/2024\/06\/Capture-decran-le-2024-06-08-a-13.06.58.jpg?resize=601%2C400&amp;ssl=1 601w, https:\/\/i0.wp.com\/itayachtscanada.com\/wp-content\/uploads\/2024\/06\/Capture-decran-le-2024-06-08-a-13.06.58.jpg?w=1400&amp;ssl=1 1400w\" width=\"463\" height=\"308\" loading=\"lazy\" data-original-width=\"463\" data-original-height=\"308\" itemprop=\"http:\/\/schema.org\/image\" title=\"Screenshot\" alt=\"Screenshot\" style=\"width: 463px; height: 308px;\" \/> <\/a> <\/div> <\/div> <!-- close group --> <div class=\"gallery-group images-2\" style=\"width: 233px; height: 312px;\" data-original-width=\"233\" data-original-height=\"312\" > <div class=\"tiled-gallery-item tiled-gallery-item-small\" itemprop=\"associatedMedia\" itemscope itemtype=\"http:\/\/schema.org\/ImageObject\"> <a href=\"https:\/\/itayachtscanada.com\/fr\/listing\/sunseeker-95-yacht-2023-9499000-usd-for-sale\/screenshot-3862\/\" border=\"0\" itemprop=\"url\"> <meta itemprop=\"width\" content=\"229\"> <meta itemprop=\"height\" content=\"152\"> <img decoding=\"async\" class=\"\" data-attachment-id=\"165588\" data-orig-file=\"https:\/\/itayachtscanada.com\/wp-content\/uploads\/2024\/06\/Capture-decran-le-2024-06-08-a-13.06.44.jpg\" data-orig-size=\"1660,1104\" data-comments-opened=\"1\" data-image-meta=\"{&quot;aperture&quot;:&quot;0&quot;,&quot;credit&quot;:&quot;&quot;,&quot;camera&quot;:&quot;&quot;,&quot;caption&quot;:&quot;Screenshot&quot;,&quot;created_timestamp&quot;:&quot;0&quot;,&quot;copyright&quot;:&quot;&quot;,&quot;focal_length&quot;:&quot;0&quot;,&quot;iso&quot;:&quot;0&quot;,&quot;shutter_speed&quot;:&quot;0&quot;,&quot;title&quot;:&quot;Screenshot&quot;,&quot;orientation&quot;:&quot;1&quot;}\" data-image-title=\"Screenshot\" data-image-description=\"\" data-medium-file=\"https:\/\/i0.wp.com\/itayachtscanada.com\/wp-content\/uploads\/2024\/06\/Capture-decran-le-2024-06-08-a-13.06.44.jpg?fit=300%2C200&#038;ssl=1\" data-large-file=\"https:\/\/i0.wp.com\/itayachtscanada.com\/wp-content\/uploads\/2024\/06\/Capture-decran-le-2024-06-08-a-13.06.44.jpg?fit=700%2C466&#038;ssl=1\" src=\"https:\/\/i0.wp.com\/itayachtscanada.com\/wp-content\/uploads\/2024\/06\/Capture-decran-le-2024-06-08-a-13.06.44.jpg?w=229&#038;h=152&#038;ssl=1\" srcset=\"https:\/\/i0.wp.com\/itayachtscanada.com\/wp-content\/uploads\/2024\/06\/Capture-decran-le-2024-06-08-a-13.06.44.jpg?w=1660&amp;ssl=1 1660w, https:\/\/i0.wp.com\/itayachtscanada.com\/wp-content\/uploads\/2024\/06\/Capture-decran-le-2024-06-08-a-13.06.44.jpg?resize=300%2C200&amp;ssl=1 300w, https:\/\/i0.wp.com\/itayachtscanada.com\/wp-content\/uploads\/2024\/06\/Capture-decran-le-2024-06-08-a-13.06.44.jpg?resize=1024%2C681&amp;ssl=1 1024w, https:\/\/i0.wp.com\/itayachtscanada.com\/wp-content\/uploads\/2024\/06\/Capture-decran-le-2024-06-08-a-13.06.44.jpg?resize=768%2C511&amp;ssl=1 768w, https:\/\/i0.wp.com\/itayachtscanada.com\/wp-content\/uploads\/2024\/06\/Capture-decran-le-2024-06-08-a-13.06.44.jpg?resize=1536%2C1022&amp;ssl=1 1536w, https:\/\/i0.wp.com\/itayachtscanada.com\/wp-content\/uploads\/2024\/06\/Capture-decran-le-2024-06-08-a-13.06.44.jpg?resize=1200%2C798&amp;ssl=1 1200w, https:\/\/i0.wp.com\/itayachtscanada.com\/wp-content\/uploads\/2024\/06\/Capture-decran-le-2024-06-08-a-13.06.44.jpg?resize=700%2C466&amp;ssl=1 700w, https:\/\/i0.wp.com\/itayachtscanada.com\/wp-content\/uploads\/2024\/06\/Capture-decran-le-2024-06-08-a-13.06.44.jpg?resize=900%2C600&amp;ssl=1 900w, https:\/\/i0.wp.com\/itayachtscanada.com\/wp-content\/uploads\/2024\/06\/Capture-decran-le-2024-06-08-a-13.06.44.jpg?resize=601%2C400&amp;ssl=1 601w, https:\/\/i0.wp.com\/itayachtscanada.com\/wp-content\/uploads\/2024\/06\/Capture-decran-le-2024-06-08-a-13.06.44.jpg?w=1400&amp;ssl=1 1400w\" width=\"229\" height=\"152\" loading=\"lazy\" data-original-width=\"229\" data-original-height=\"152\" itemprop=\"http:\/\/schema.org\/image\" title=\"Screenshot\" alt=\"Sunseeker 95 Yacht 2023\" style=\"width: 229px; height: 152px;\" \/> <\/a> <div class=\"tiled-gallery-caption\" itemprop=\"caption description\"> Sunseeker 95 Yacht 2023 <\/div> <\/div> <div class=\"tiled-gallery-item tiled-gallery-item-small\" itemprop=\"associatedMedia\" itemscope itemtype=\"http:\/\/schema.org\/ImageObject\"> <a href=\"https:\/\/itayachtscanada.com\/fr\/listing\/sunseeker-95-yacht-2023-9499000-usd-for-sale\/screenshot-3869\/\" border=\"0\" itemprop=\"url\"> <meta itemprop=\"width\" content=\"229\"> <meta itemprop=\"height\" content=\"152\"> <img decoding=\"async\" class=\"\" data-attachment-id=\"165595\" data-orig-file=\"https:\/\/itayachtscanada.com\/wp-content\/uploads\/2024\/06\/Capture-decran-le-2024-06-08-a-13.06.23.jpg\" data-orig-size=\"1660,1104\" data-comments-opened=\"1\" data-image-meta=\"{&quot;aperture&quot;:&quot;0&quot;,&quot;credit&quot;:&quot;&quot;,&quot;camera&quot;:&quot;&quot;,&quot;caption&quot;:&quot;Screenshot&quot;,&quot;created_timestamp&quot;:&quot;0&quot;,&quot;copyright&quot;:&quot;&quot;,&quot;focal_length&quot;:&quot;0&quot;,&quot;iso&quot;:&quot;0&quot;,&quot;shutter_speed&quot;:&quot;0&quot;,&quot;title&quot;:&quot;Screenshot&quot;,&quot;orientation&quot;:&quot;1&quot;}\" data-image-title=\"Screenshot\" data-image-description=\"\" data-medium-file=\"https:\/\/i0.wp.com\/itayachtscanada.com\/wp-content\/uploads\/2024\/06\/Capture-decran-le-2024-06-08-a-13.06.23.jpg?fit=300%2C200&#038;ssl=1\" data-large-file=\"https:\/\/i0.wp.com\/itayachtscanada.com\/wp-content\/uploads\/2024\/06\/Capture-decran-le-2024-06-08-a-13.06.23.jpg?fit=700%2C466&#038;ssl=1\" src=\"https:\/\/i0.wp.com\/itayachtscanada.com\/wp-content\/uploads\/2024\/06\/Capture-decran-le-2024-06-08-a-13.06.23.jpg?w=229&#038;h=152&#038;ssl=1\" srcset=\"https:\/\/i0.wp.com\/itayachtscanada.com\/wp-content\/uploads\/2024\/06\/Capture-decran-le-2024-06-08-a-13.06.23.jpg?w=1660&amp;ssl=1 1660w, https:\/\/i0.wp.com\/itayachtscanada.com\/wp-content\/uploads\/2024\/06\/Capture-decran-le-2024-06-08-a-13.06.23.jpg?resize=300%2C200&amp;ssl=1 300w, https:\/\/i0.wp.com\/itayachtscanada.com\/wp-content\/uploads\/2024\/06\/Capture-decran-le-2024-06-08-a-13.06.23.jpg?resize=1024%2C681&amp;ssl=1 1024w, https:\/\/i0.wp.com\/itayachtscanada.com\/wp-content\/uploads\/2024\/06\/Capture-decran-le-2024-06-08-a-13.06.23.jpg?resize=768%2C511&amp;ssl=1 768w, https:\/\/i0.wp.com\/itayachtscanada.com\/wp-content\/uploads\/2024\/06\/Capture-decran-le-2024-06-08-a-13.06.23.jpg?resize=1536%2C1022&amp;ssl=1 1536w, https:\/\/i0.wp.com\/itayachtscanada.com\/wp-content\/uploads\/2024\/06\/Capture-decran-le-2024-06-08-a-13.06.23.jpg?resize=1200%2C798&amp;ssl=1 1200w, https:\/\/i0.wp.com\/itayachtscanada.com\/wp-content\/uploads\/2024\/06\/Capture-decran-le-2024-06-08-a-13.06.23.jpg?resize=700%2C466&amp;ssl=1 700w, https:\/\/i0.wp.com\/itayachtscanada.com\/wp-content\/uploads\/2024\/06\/Capture-decran-le-2024-06-08-a-13.06.23.jpg?resize=900%2C600&amp;ssl=1 900w, https:\/\/i0.wp.com\/itayachtscanada.com\/wp-content\/uploads\/2024\/06\/Capture-decran-le-2024-06-08-a-13.06.23.jpg?resize=601%2C400&amp;ssl=1 601w, https:\/\/i0.wp.com\/itayachtscanada.com\/wp-content\/uploads\/2024\/06\/Capture-decran-le-2024-06-08-a-13.06.23.jpg?w=1400&amp;ssl=1 1400w\" width=\"229\" height=\"152\" loading=\"lazy\" data-original-width=\"229\" data-original-height=\"152\" itemprop=\"http:\/\/schema.org\/image\" title=\"Screenshot\" alt=\"Screenshot\" style=\"width: 229px; height: 152px;\" \/> <\/a> <\/div> <\/div> <!-- close group --> <\/div> <!-- close row --> <div class=\"gallery-row\" style=\"width: 700px; height: 157px;\" data-original-width=\"700\" data-original-height=\"157\" > <div class=\"gallery-group images-1\" style=\"width: 234px; height: 157px;\" data-original-width=\"234\" data-original-height=\"157\" > <div class=\"tiled-gallery-item tiled-gallery-item-small\" itemprop=\"associatedMedia\" itemscope itemtype=\"http:\/\/schema.org\/ImageObject\"> <a href=\"https:\/\/itayachtscanada.com\/fr\/listing\/sunseeker-95-yacht-2023-9499000-usd-for-sale\/screenshot-3852\/\" border=\"0\" itemprop=\"url\"> <meta itemprop=\"width\" content=\"230\"> <meta itemprop=\"height\" content=\"153\"> <img decoding=\"async\" class=\"\" data-attachment-id=\"165578\" data-orig-file=\"https:\/\/itayachtscanada.com\/wp-content\/uploads\/2024\/06\/Capture-decran-le-2024-06-08-a-13.07.13.jpg\" data-orig-size=\"1660,1104\" data-comments-opened=\"1\" data-image-meta=\"{&quot;aperture&quot;:&quot;0&quot;,&quot;credit&quot;:&quot;&quot;,&quot;camera&quot;:&quot;&quot;,&quot;caption&quot;:&quot;Screenshot&quot;,&quot;created_timestamp&quot;:&quot;0&quot;,&quot;copyright&quot;:&quot;&quot;,&quot;focal_length&quot;:&quot;0&quot;,&quot;iso&quot;:&quot;0&quot;,&quot;shutter_speed&quot;:&quot;0&quot;,&quot;title&quot;:&quot;Screenshot&quot;,&quot;orientation&quot;:&quot;1&quot;}\" data-image-title=\"Screenshot\" data-image-description=\"\" data-medium-file=\"https:\/\/i0.wp.com\/itayachtscanada.com\/wp-content\/uploads\/2024\/06\/Capture-decran-le-2024-06-08-a-13.07.13.jpg?fit=300%2C200&#038;ssl=1\" data-large-file=\"https:\/\/i0.wp.com\/itayachtscanada.com\/wp-content\/uploads\/2024\/06\/Capture-decran-le-2024-06-08-a-13.07.13.jpg?fit=700%2C466&#038;ssl=1\" src=\"https:\/\/i0.wp.com\/itayachtscanada.com\/wp-content\/uploads\/2024\/06\/Capture-decran-le-2024-06-08-a-13.07.13.jpg?w=230&#038;h=153&#038;ssl=1\" srcset=\"https:\/\/i0.wp.com\/itayachtscanada.com\/wp-content\/uploads\/2024\/06\/Capture-decran-le-2024-06-08-a-13.07.13.jpg?w=1660&amp;ssl=1 1660w, https:\/\/i0.wp.com\/itayachtscanada.com\/wp-content\/uploads\/2024\/06\/Capture-decran-le-2024-06-08-a-13.07.13.jpg?resize=300%2C200&amp;ssl=1 300w, https:\/\/i0.wp.com\/itayachtscanada.com\/wp-content\/uploads\/2024\/06\/Capture-decran-le-2024-06-08-a-13.07.13.jpg?resize=1024%2C681&amp;ssl=1 1024w, https:\/\/i0.wp.com\/itayachtscanada.com\/wp-content\/uploads\/2024\/06\/Capture-decran-le-2024-06-08-a-13.07.13.jpg?resize=768%2C511&amp;ssl=1 768w, https:\/\/i0.wp.com\/itayachtscanada.com\/wp-content\/uploads\/2024\/06\/Capture-decran-le-2024-06-08-a-13.07.13.jpg?resize=1536%2C1022&amp;ssl=1 1536w, https:\/\/i0.wp.com\/itayachtscanada.com\/wp-content\/uploads\/2024\/06\/Capture-decran-le-2024-06-08-a-13.07.13.jpg?resize=1200%2C798&amp;ssl=1 1200w, https:\/\/i0.wp.com\/itayachtscanada.com\/wp-content\/uploads\/2024\/06\/Capture-decran-le-2024-06-08-a-13.07.13.jpg?resize=700%2C466&amp;ssl=1 700w, https:\/\/i0.wp.com\/itayachtscanada.com\/wp-content\/uploads\/2024\/06\/Capture-decran-le-2024-06-08-a-13.07.13.jpg?resize=900%2C600&amp;ssl=1 900w, https:\/\/i0.wp.com\/itayachtscanada.com\/wp-content\/uploads\/2024\/06\/Capture-decran-le-2024-06-08-a-13.07.13.jpg?resize=601%2C400&amp;ssl=1 601w, https:\/\/i0.wp.com\/itayachtscanada.com\/wp-content\/uploads\/2024\/06\/Capture-decran-le-2024-06-08-a-13.07.13.jpg?w=1400&amp;ssl=1 1400w\" width=\"230\" height=\"153\" loading=\"lazy\" data-original-width=\"230\" data-original-height=\"153\" itemprop=\"http:\/\/schema.org\/image\" title=\"Screenshot\" alt=\"Screenshot\" style=\"width: 230px; height: 153px;\" \/> <\/a> <\/div> <\/div> <!-- close group --> <div class=\"gallery-group images-1\" style=\"width: 233px; height: 157px;\" data-original-width=\"233\" data-original-height=\"157\" > <div class=\"tiled-gallery-item tiled-gallery-item-small\" itemprop=\"associatedMedia\" itemscope itemtype=\"http:\/\/schema.org\/ImageObject\"> <a href=\"https:\/\/itayachtscanada.com\/fr\/listing\/sunseeker-95-yacht-2023-9499000-usd-for-sale\/screenshot-3853\/\" border=\"0\" itemprop=\"url\"> <meta itemprop=\"width\" content=\"229\"> <meta itemprop=\"height\" content=\"153\"> <img decoding=\"async\" class=\"\" data-attachment-id=\"165579\" data-orig-file=\"https:\/\/itayachtscanada.com\/wp-content\/uploads\/2024\/06\/Capture-decran-le-2024-06-08-a-13.07.10.jpg\" data-orig-size=\"1660,1104\" data-comments-opened=\"1\" data-image-meta=\"{&quot;aperture&quot;:&quot;0&quot;,&quot;credit&quot;:&quot;&quot;,&quot;camera&quot;:&quot;&quot;,&quot;caption&quot;:&quot;Screenshot&quot;,&quot;created_timestamp&quot;:&quot;0&quot;,&quot;copyright&quot;:&quot;&quot;,&quot;focal_length&quot;:&quot;0&quot;,&quot;iso&quot;:&quot;0&quot;,&quot;shutter_speed&quot;:&quot;0&quot;,&quot;title&quot;:&quot;Screenshot&quot;,&quot;orientation&quot;:&quot;1&quot;}\" data-image-title=\"Screenshot\" data-image-description=\"\" data-medium-file=\"https:\/\/i0.wp.com\/itayachtscanada.com\/wp-content\/uploads\/2024\/06\/Capture-decran-le-2024-06-08-a-13.07.10.jpg?fit=300%2C200&#038;ssl=1\" data-large-file=\"https:\/\/i0.wp.com\/itayachtscanada.com\/wp-content\/uploads\/2024\/06\/Capture-decran-le-2024-06-08-a-13.07.10.jpg?fit=700%2C466&#038;ssl=1\" src=\"https:\/\/i0.wp.com\/itayachtscanada.com\/wp-content\/uploads\/2024\/06\/Capture-decran-le-2024-06-08-a-13.07.10.jpg?w=229&#038;h=153&#038;ssl=1\" srcset=\"https:\/\/i0.wp.com\/itayachtscanada.com\/wp-content\/uploads\/2024\/06\/Capture-decran-le-2024-06-08-a-13.07.10.jpg?w=1660&amp;ssl=1 1660w, https:\/\/i0.wp.com\/itayachtscanada.com\/wp-content\/uploads\/2024\/06\/Capture-decran-le-2024-06-08-a-13.07.10.jpg?resize=300%2C200&amp;ssl=1 300w, https:\/\/i0.wp.com\/itayachtscanada.com\/wp-content\/uploads\/2024\/06\/Capture-decran-le-2024-06-08-a-13.07.10.jpg?resize=1024%2C681&amp;ssl=1 1024w, https:\/\/i0.wp.com\/itayachtscanada.com\/wp-content\/uploads\/2024\/06\/Capture-decran-le-2024-06-08-a-13.07.10.jpg?resize=768%2C511&amp;ssl=1 768w, https:\/\/i0.wp.com\/itayachtscanada.com\/wp-content\/uploads\/2024\/06\/Capture-decran-le-2024-06-08-a-13.07.10.jpg?resize=1536%2C1022&amp;ssl=1 1536w, https:\/\/i0.wp.com\/itayachtscanada.com\/wp-content\/uploads\/2024\/06\/Capture-decran-le-2024-06-08-a-13.07.10.jpg?resize=1200%2C798&amp;ssl=1 1200w, https:\/\/i0.wp.com\/itayachtscanada.com\/wp-content\/uploads\/2024\/06\/Capture-decran-le-2024-06-08-a-13.07.10.jpg?resize=700%2C466&amp;ssl=1 700w, https:\/\/i0.wp.com\/itayachtscanada.com\/wp-content\/uploads\/2024\/06\/Capture-decran-le-2024-06-08-a-13.07.10.jpg?resize=900%2C600&amp;ssl=1 900w, https:\/\/i0.wp.com\/itayachtscanada.com\/wp-content\/uploads\/2024\/06\/Capture-decran-le-2024-06-08-a-13.07.10.jpg?resize=601%2C400&amp;ssl=1 601w, https:\/\/i0.wp.com\/itayachtscanada.com\/wp-content\/uploads\/2024\/06\/Capture-decran-le-2024-06-08-a-13.07.10.jpg?w=1400&amp;ssl=1 1400w\" width=\"229\" height=\"153\" loading=\"lazy\" data-original-width=\"229\" data-original-height=\"153\" itemprop=\"http:\/\/schema.org\/image\" title=\"Screenshot\" alt=\"Screenshot\" style=\"width: 229px; height: 153px;\" \/> <\/a> <\/div> <\/div> <!-- close group --> <div class=\"gallery-group images-1\" style=\"width: 233px; height: 157px;\" data-original-width=\"233\" data-original-height=\"157\" > <div class=\"tiled-gallery-item tiled-gallery-item-small\" itemprop=\"associatedMedia\" itemscope itemtype=\"http:\/\/schema.org\/ImageObject\"> <a href=\"https:\/\/itayachtscanada.com\/fr\/listing\/sunseeker-95-yacht-2023-9499000-usd-for-sale\/screenshot-3854\/\" border=\"0\" itemprop=\"url\"> <meta itemprop=\"width\" content=\"229\"> <meta itemprop=\"height\" content=\"153\"> <img decoding=\"async\" class=\"\" data-attachment-id=\"165580\" data-orig-file=\"https:\/\/itayachtscanada.com\/wp-content\/uploads\/2024\/06\/Capture-decran-le-2024-06-08-a-13.07.08.jpg\" data-orig-size=\"1660,1104\" data-comments-opened=\"1\" data-image-meta=\"{&quot;aperture&quot;:&quot;0&quot;,&quot;credit&quot;:&quot;&quot;,&quot;camera&quot;:&quot;&quot;,&quot;caption&quot;:&quot;Screenshot&quot;,&quot;created_timestamp&quot;:&quot;0&quot;,&quot;copyright&quot;:&quot;&quot;,&quot;focal_length&quot;:&quot;0&quot;,&quot;iso&quot;:&quot;0&quot;,&quot;shutter_speed&quot;:&quot;0&quot;,&quot;title&quot;:&quot;Screenshot&quot;,&quot;orientation&quot;:&quot;1&quot;}\" data-image-title=\"Screenshot\" data-image-description=\"\" data-medium-file=\"https:\/\/i0.wp.com\/itayachtscanada.com\/wp-content\/uploads\/2024\/06\/Capture-decran-le-2024-06-08-a-13.07.08.jpg?fit=300%2C200&#038;ssl=1\" data-large-file=\"https:\/\/i0.wp.com\/itayachtscanada.com\/wp-content\/uploads\/2024\/06\/Capture-decran-le-2024-06-08-a-13.07.08.jpg?fit=700%2C466&#038;ssl=1\" src=\"https:\/\/i0.wp.com\/itayachtscanada.com\/wp-content\/uploads\/2024\/06\/Capture-decran-le-2024-06-08-a-13.07.08.jpg?w=229&#038;h=153&#038;ssl=1\" srcset=\"https:\/\/i0.wp.com\/itayachtscanada.com\/wp-content\/uploads\/2024\/06\/Capture-decran-le-2024-06-08-a-13.07.08.jpg?w=1660&amp;ssl=1 1660w, https:\/\/i0.wp.com\/itayachtscanada.com\/wp-content\/uploads\/2024\/06\/Capture-decran-le-2024-06-08-a-13.07.08.jpg?resize=300%2C200&amp;ssl=1 300w, https:\/\/i0.wp.com\/itayachtscanada.com\/wp-content\/uploads\/2024\/06\/Capture-decran-le-2024-06-08-a-13.07.08.jpg?resize=1024%2C681&amp;ssl=1 1024w, https:\/\/i0.wp.com\/itayachtscanada.com\/wp-content\/uploads\/2024\/06\/Capture-decran-le-2024-06-08-a-13.07.08.jpg?resize=768%2C511&amp;ssl=1 768w, https:\/\/i0.wp.com\/itayachtscanada.com\/wp-content\/uploads\/2024\/06\/Capture-decran-le-2024-06-08-a-13.07.08.jpg?resize=1536%2C1022&amp;ssl=1 1536w, https:\/\/i0.wp.com\/itayachtscanada.com\/wp-content\/uploads\/2024\/06\/Capture-decran-le-2024-06-08-a-13.07.08.jpg?resize=1200%2C798&amp;ssl=1 1200w, https:\/\/i0.wp.com\/itayachtscanada.com\/wp-content\/uploads\/2024\/06\/Capture-decran-le-2024-06-08-a-13.07.08.jpg?resize=700%2C466&amp;ssl=1 700w, https:\/\/i0.wp.com\/itayachtscanada.com\/wp-content\/uploads\/2024\/06\/Capture-decran-le-2024-06-08-a-13.07.08.jpg?resize=900%2C600&amp;ssl=1 900w, https:\/\/i0.wp.com\/itayachtscanada.com\/wp-content\/uploads\/2024\/06\/Capture-decran-le-2024-06-08-a-13.07.08.jpg?resize=601%2C400&amp;ssl=1 601w, https:\/\/i0.wp.com\/itayachtscanada.com\/wp-content\/uploads\/2024\/06\/Capture-decran-le-2024-06-08-a-13.07.08.jpg?w=1400&amp;ssl=1 1400w\" width=\"229\" height=\"153\" loading=\"lazy\" data-original-width=\"229\" data-original-height=\"153\" itemprop=\"http:\/\/schema.org\/image\" title=\"Screenshot\" alt=\"Screenshot\" style=\"width: 229px; height: 153px;\" \/> <\/a> <\/div> <\/div> <!-- close group --> <\/div> <!-- close row --> <div class=\"gallery-row\" style=\"width: 700px; height: 312px;\" data-original-width=\"700\" data-original-height=\"312\" > <div class=\"gallery-group images-2\" style=\"width: 233px; height: 312px;\" data-original-width=\"233\" data-original-height=\"312\" > <div class=\"tiled-gallery-item tiled-gallery-item-small\" itemprop=\"associatedMedia\" itemscope itemtype=\"http:\/\/schema.org\/ImageObject\"> <a href=\"https:\/\/itayachtscanada.com\/fr\/listing\/sunseeker-95-yacht-2023-9499000-usd-for-sale\/screenshot-3855\/\" border=\"0\" itemprop=\"url\"> <meta itemprop=\"width\" content=\"229\"> <meta itemprop=\"height\" content=\"152\"> <img decoding=\"async\" class=\"\" data-attachment-id=\"165581\" data-orig-file=\"https:\/\/itayachtscanada.com\/wp-content\/uploads\/2024\/06\/Capture-decran-le-2024-06-08-a-13.07.05.jpg\" data-orig-size=\"1660,1104\" data-comments-opened=\"1\" data-image-meta=\"{&quot;aperture&quot;:&quot;0&quot;,&quot;credit&quot;:&quot;&quot;,&quot;camera&quot;:&quot;&quot;,&quot;caption&quot;:&quot;Screenshot&quot;,&quot;created_timestamp&quot;:&quot;0&quot;,&quot;copyright&quot;:&quot;&quot;,&quot;focal_length&quot;:&quot;0&quot;,&quot;iso&quot;:&quot;0&quot;,&quot;shutter_speed&quot;:&quot;0&quot;,&quot;title&quot;:&quot;Screenshot&quot;,&quot;orientation&quot;:&quot;1&quot;}\" data-image-title=\"Screenshot\" data-image-description=\"\" data-medium-file=\"https:\/\/i0.wp.com\/itayachtscanada.com\/wp-content\/uploads\/2024\/06\/Capture-decran-le-2024-06-08-a-13.07.05.jpg?fit=300%2C200&#038;ssl=1\" data-large-file=\"https:\/\/i0.wp.com\/itayachtscanada.com\/wp-content\/uploads\/2024\/06\/Capture-decran-le-2024-06-08-a-13.07.05.jpg?fit=700%2C466&#038;ssl=1\" src=\"https:\/\/i0.wp.com\/itayachtscanada.com\/wp-content\/uploads\/2024\/06\/Capture-decran-le-2024-06-08-a-13.07.05.jpg?w=229&#038;h=152&#038;ssl=1\" srcset=\"https:\/\/i0.wp.com\/itayachtscanada.com\/wp-content\/uploads\/2024\/06\/Capture-decran-le-2024-06-08-a-13.07.05.jpg?w=1660&amp;ssl=1 1660w, https:\/\/i0.wp.com\/itayachtscanada.com\/wp-content\/uploads\/2024\/06\/Capture-decran-le-2024-06-08-a-13.07.05.jpg?resize=300%2C200&amp;ssl=1 300w, https:\/\/i0.wp.com\/itayachtscanada.com\/wp-content\/uploads\/2024\/06\/Capture-decran-le-2024-06-08-a-13.07.05.jpg?resize=1024%2C681&amp;ssl=1 1024w, https:\/\/i0.wp.com\/itayachtscanada.com\/wp-content\/uploads\/2024\/06\/Capture-decran-le-2024-06-08-a-13.07.05.jpg?resize=768%2C511&amp;ssl=1 768w, https:\/\/i0.wp.com\/itayachtscanada.com\/wp-content\/uploads\/2024\/06\/Capture-decran-le-2024-06-08-a-13.07.05.jpg?resize=1536%2C1022&amp;ssl=1 1536w, https:\/\/i0.wp.com\/itayachtscanada.com\/wp-content\/uploads\/2024\/06\/Capture-decran-le-2024-06-08-a-13.07.05.jpg?resize=1200%2C798&amp;ssl=1 1200w, https:\/\/i0.wp.com\/itayachtscanada.com\/wp-content\/uploads\/2024\/06\/Capture-decran-le-2024-06-08-a-13.07.05.jpg?resize=700%2C466&amp;ssl=1 700w, https:\/\/i0.wp.com\/itayachtscanada.com\/wp-content\/uploads\/2024\/06\/Capture-decran-le-2024-06-08-a-13.07.05.jpg?resize=900%2C600&amp;ssl=1 900w, https:\/\/i0.wp.com\/itayachtscanada.com\/wp-content\/uploads\/2024\/06\/Capture-decran-le-2024-06-08-a-13.07.05.jpg?resize=601%2C400&amp;ssl=1 601w, https:\/\/i0.wp.com\/itayachtscanada.com\/wp-content\/uploads\/2024\/06\/Capture-decran-le-2024-06-08-a-13.07.05.jpg?w=1400&amp;ssl=1 1400w\" width=\"229\" height=\"152\" loading=\"lazy\" data-original-width=\"229\" data-original-height=\"152\" itemprop=\"http:\/\/schema.org\/image\" title=\"Screenshot\" alt=\"Screenshot\" style=\"width: 229px; height: 152px;\" \/> <\/a> <\/div> <div class=\"tiled-gallery-item tiled-gallery-item-small\" itemprop=\"associatedMedia\" itemscope itemtype=\"http:\/\/schema.org\/ImageObject\"> <a href=\"https:\/\/itayachtscanada.com\/fr\/listing\/sunseeker-95-yacht-2023-9499000-usd-for-sale\/screenshot-3856\/\" border=\"0\" itemprop=\"url\"> <meta itemprop=\"width\" content=\"229\"> <meta itemprop=\"height\" content=\"152\"> <img decoding=\"async\" class=\"\" data-attachment-id=\"165582\" data-orig-file=\"https:\/\/itayachtscanada.com\/wp-content\/uploads\/2024\/06\/Capture-decran-le-2024-06-08-a-13.07.02.jpg\" data-orig-size=\"1660,1104\" data-comments-opened=\"1\" data-image-meta=\"{&quot;aperture&quot;:&quot;0&quot;,&quot;credit&quot;:&quot;&quot;,&quot;camera&quot;:&quot;&quot;,&quot;caption&quot;:&quot;Screenshot&quot;,&quot;created_timestamp&quot;:&quot;0&quot;,&quot;copyright&quot;:&quot;&quot;,&quot;focal_length&quot;:&quot;0&quot;,&quot;iso&quot;:&quot;0&quot;,&quot;shutter_speed&quot;:&quot;0&quot;,&quot;title&quot;:&quot;Screenshot&quot;,&quot;orientation&quot;:&quot;1&quot;}\" data-image-title=\"Screenshot\" data-image-description=\"\" data-medium-file=\"https:\/\/i0.wp.com\/itayachtscanada.com\/wp-content\/uploads\/2024\/06\/Capture-decran-le-2024-06-08-a-13.07.02.jpg?fit=300%2C200&#038;ssl=1\" data-large-file=\"https:\/\/i0.wp.com\/itayachtscanada.com\/wp-content\/uploads\/2024\/06\/Capture-decran-le-2024-06-08-a-13.07.02.jpg?fit=700%2C466&#038;ssl=1\" src=\"https:\/\/i0.wp.com\/itayachtscanada.com\/wp-content\/uploads\/2024\/06\/Capture-decran-le-2024-06-08-a-13.07.02.jpg?w=229&#038;h=152&#038;ssl=1\" srcset=\"https:\/\/i0.wp.com\/itayachtscanada.com\/wp-content\/uploads\/2024\/06\/Capture-decran-le-2024-06-08-a-13.07.02.jpg?w=1660&amp;ssl=1 1660w, https:\/\/i0.wp.com\/itayachtscanada.com\/wp-content\/uploads\/2024\/06\/Capture-decran-le-2024-06-08-a-13.07.02.jpg?resize=300%2C200&amp;ssl=1 300w, https:\/\/i0.wp.com\/itayachtscanada.com\/wp-content\/uploads\/2024\/06\/Capture-decran-le-2024-06-08-a-13.07.02.jpg?resize=1024%2C681&amp;ssl=1 1024w, https:\/\/i0.wp.com\/itayachtscanada.com\/wp-content\/uploads\/2024\/06\/Capture-decran-le-2024-06-08-a-13.07.02.jpg?resize=768%2C511&amp;ssl=1 768w, https:\/\/i0.wp.com\/itayachtscanada.com\/wp-content\/uploads\/2024\/06\/Capture-decran-le-2024-06-08-a-13.07.02.jpg?resize=1536%2C1022&amp;ssl=1 1536w, https:\/\/i0.wp.com\/itayachtscanada.com\/wp-content\/uploads\/2024\/06\/Capture-decran-le-2024-06-08-a-13.07.02.jpg?resize=1200%2C798&amp;ssl=1 1200w, https:\/\/i0.wp.com\/itayachtscanada.com\/wp-content\/uploads\/2024\/06\/Capture-decran-le-2024-06-08-a-13.07.02.jpg?resize=700%2C466&amp;ssl=1 700w, https:\/\/i0.wp.com\/itayachtscanada.com\/wp-content\/uploads\/2024\/06\/Capture-decran-le-2024-06-08-a-13.07.02.jpg?resize=900%2C600&amp;ssl=1 900w, https:\/\/i0.wp.com\/itayachtscanada.com\/wp-content\/uploads\/2024\/06\/Capture-decran-le-2024-06-08-a-13.07.02.jpg?resize=601%2C400&amp;ssl=1 601w, https:\/\/i0.wp.com\/itayachtscanada.com\/wp-content\/uploads\/2024\/06\/Capture-decran-le-2024-06-08-a-13.07.02.jpg?w=1400&amp;ssl=1 1400w\" width=\"229\" height=\"152\" loading=\"lazy\" data-original-width=\"229\" data-original-height=\"152\" itemprop=\"http:\/\/schema.org\/image\" title=\"Screenshot\" alt=\"Screenshot\" style=\"width: 229px; height: 152px;\" \/> <\/a> <\/div> <\/div> <!-- close group --> <div class=\"gallery-group images-1\" style=\"width: 467px; height: 312px;\" data-original-width=\"467\" data-original-height=\"312\" > <div class=\"tiled-gallery-item tiled-gallery-item-large\" itemprop=\"associatedMedia\" itemscope itemtype=\"http:\/\/schema.org\/ImageObject\"> <a href=\"https:\/\/itayachtscanada.com\/fr\/listing\/sunseeker-95-yacht-2023-9499000-usd-for-sale\/screenshot-3858\/\" border=\"0\" itemprop=\"url\"> <meta itemprop=\"width\" content=\"463\"> <meta itemprop=\"height\" content=\"308\"> <img decoding=\"async\" class=\"\" data-attachment-id=\"165584\" data-orig-file=\"https:\/\/itayachtscanada.com\/wp-content\/uploads\/2024\/06\/Capture-decran-le-2024-06-08-a-13.06.55.jpg\" data-orig-size=\"1660,1104\" data-comments-opened=\"1\" data-image-meta=\"{&quot;aperture&quot;:&quot;0&quot;,&quot;credit&quot;:&quot;&quot;,&quot;camera&quot;:&quot;&quot;,&quot;caption&quot;:&quot;Screenshot&quot;,&quot;created_timestamp&quot;:&quot;0&quot;,&quot;copyright&quot;:&quot;&quot;,&quot;focal_length&quot;:&quot;0&quot;,&quot;iso&quot;:&quot;0&quot;,&quot;shutter_speed&quot;:&quot;0&quot;,&quot;title&quot;:&quot;Screenshot&quot;,&quot;orientation&quot;:&quot;1&quot;}\" data-image-title=\"Screenshot\" data-image-description=\"\" data-medium-file=\"https:\/\/i0.wp.com\/itayachtscanada.com\/wp-content\/uploads\/2024\/06\/Capture-decran-le-2024-06-08-a-13.06.55.jpg?fit=300%2C200&#038;ssl=1\" data-large-file=\"https:\/\/i0.wp.com\/itayachtscanada.com\/wp-content\/uploads\/2024\/06\/Capture-decran-le-2024-06-08-a-13.06.55.jpg?fit=700%2C466&#038;ssl=1\" src=\"https:\/\/i0.wp.com\/itayachtscanada.com\/wp-content\/uploads\/2024\/06\/Capture-decran-le-2024-06-08-a-13.06.55.jpg?w=463&#038;h=308&#038;ssl=1\" srcset=\"https:\/\/i0.wp.com\/itayachtscanada.com\/wp-content\/uploads\/2024\/06\/Capture-decran-le-2024-06-08-a-13.06.55.jpg?w=1660&amp;ssl=1 1660w, https:\/\/i0.wp.com\/itayachtscanada.com\/wp-content\/uploads\/2024\/06\/Capture-decran-le-2024-06-08-a-13.06.55.jpg?resize=300%2C200&amp;ssl=1 300w, https:\/\/i0.wp.com\/itayachtscanada.com\/wp-content\/uploads\/2024\/06\/Capture-decran-le-2024-06-08-a-13.06.55.jpg?resize=1024%2C681&amp;ssl=1 1024w, https:\/\/i0.wp.com\/itayachtscanada.com\/wp-content\/uploads\/2024\/06\/Capture-decran-le-2024-06-08-a-13.06.55.jpg?resize=768%2C511&amp;ssl=1 768w, https:\/\/i0.wp.com\/itayachtscanada.com\/wp-content\/uploads\/2024\/06\/Capture-decran-le-2024-06-08-a-13.06.55.jpg?resize=1536%2C1022&amp;ssl=1 1536w, https:\/\/i0.wp.com\/itayachtscanada.com\/wp-content\/uploads\/2024\/06\/Capture-decran-le-2024-06-08-a-13.06.55.jpg?resize=1200%2C798&amp;ssl=1 1200w, https:\/\/i0.wp.com\/itayachtscanada.com\/wp-content\/uploads\/2024\/06\/Capture-decran-le-2024-06-08-a-13.06.55.jpg?resize=700%2C466&amp;ssl=1 700w, https:\/\/i0.wp.com\/itayachtscanada.com\/wp-content\/uploads\/2024\/06\/Capture-decran-le-2024-06-08-a-13.06.55.jpg?resize=900%2C600&amp;ssl=1 900w, https:\/\/i0.wp.com\/itayachtscanada.com\/wp-content\/uploads\/2024\/06\/Capture-decran-le-2024-06-08-a-13.06.55.jpg?resize=601%2C400&amp;ssl=1 601w, https:\/\/i0.wp.com\/itayachtscanada.com\/wp-content\/uploads\/2024\/06\/Capture-decran-le-2024-06-08-a-13.06.55.jpg?w=1400&amp;ssl=1 1400w\" width=\"463\" height=\"308\" loading=\"lazy\" data-original-width=\"463\" data-original-height=\"308\" itemprop=\"http:\/\/schema.org\/image\" title=\"Screenshot\" alt=\"Screenshot\" style=\"width: 463px; height: 308px;\" \/> <\/a> <\/div> <\/div> <!-- close group --> <\/div> <!-- close row --> <div class=\"gallery-row\" style=\"width: 700px; height: 234px;\" data-original-width=\"700\" data-original-height=\"234\" > <div class=\"gallery-group images-1\" style=\"width: 350px; height: 234px;\" data-original-width=\"350\" data-original-height=\"234\" > <div class=\"tiled-gallery-item tiled-gallery-item-large\" itemprop=\"associatedMedia\" itemscope itemtype=\"http:\/\/schema.org\/ImageObject\"> <a href=\"https:\/\/itayachtscanada.com\/fr\/listing\/sunseeker-95-yacht-2023-9499000-usd-for-sale\/screenshot-3859\/\" border=\"0\" itemprop=\"url\"> <meta itemprop=\"width\" content=\"346\"> <meta itemprop=\"height\" content=\"230\"> <img decoding=\"async\" class=\"\" data-attachment-id=\"165585\" data-orig-file=\"https:\/\/itayachtscanada.com\/wp-content\/uploads\/2024\/06\/Capture-decran-le-2024-06-08-a-13.06.53.jpg\" data-orig-size=\"1660,1104\" data-comments-opened=\"1\" data-image-meta=\"{&quot;aperture&quot;:&quot;0&quot;,&quot;credit&quot;:&quot;&quot;,&quot;camera&quot;:&quot;&quot;,&quot;caption&quot;:&quot;Screenshot&quot;,&quot;created_timestamp&quot;:&quot;0&quot;,&quot;copyright&quot;:&quot;&quot;,&quot;focal_length&quot;:&quot;0&quot;,&quot;iso&quot;:&quot;0&quot;,&quot;shutter_speed&quot;:&quot;0&quot;,&quot;title&quot;:&quot;Screenshot&quot;,&quot;orientation&quot;:&quot;1&quot;}\" data-image-title=\"Screenshot\" data-image-description=\"\" data-medium-file=\"https:\/\/i0.wp.com\/itayachtscanada.com\/wp-content\/uploads\/2024\/06\/Capture-decran-le-2024-06-08-a-13.06.53.jpg?fit=300%2C200&#038;ssl=1\" data-large-file=\"https:\/\/i0.wp.com\/itayachtscanada.com\/wp-content\/uploads\/2024\/06\/Capture-decran-le-2024-06-08-a-13.06.53.jpg?fit=700%2C466&#038;ssl=1\" src=\"https:\/\/i0.wp.com\/itayachtscanada.com\/wp-content\/uploads\/2024\/06\/Capture-decran-le-2024-06-08-a-13.06.53.jpg?w=346&#038;h=230&#038;ssl=1\" srcset=\"https:\/\/i0.wp.com\/itayachtscanada.com\/wp-content\/uploads\/2024\/06\/Capture-decran-le-2024-06-08-a-13.06.53.jpg?w=1660&amp;ssl=1 1660w, https:\/\/i0.wp.com\/itayachtscanada.com\/wp-content\/uploads\/2024\/06\/Capture-decran-le-2024-06-08-a-13.06.53.jpg?resize=300%2C200&amp;ssl=1 300w, https:\/\/i0.wp.com\/itayachtscanada.com\/wp-content\/uploads\/2024\/06\/Capture-decran-le-2024-06-08-a-13.06.53.jpg?resize=1024%2C681&amp;ssl=1 1024w, https:\/\/i0.wp.com\/itayachtscanada.com\/wp-content\/uploads\/2024\/06\/Capture-decran-le-2024-06-08-a-13.06.53.jpg?resize=768%2C511&amp;ssl=1 768w, https:\/\/i0.wp.com\/itayachtscanada.com\/wp-content\/uploads\/2024\/06\/Capture-decran-le-2024-06-08-a-13.06.53.jpg?resize=1536%2C1022&amp;ssl=1 1536w, https:\/\/i0.wp.com\/itayachtscanada.com\/wp-content\/uploads\/2024\/06\/Capture-decran-le-2024-06-08-a-13.06.53.jpg?resize=1200%2C798&amp;ssl=1 1200w, https:\/\/i0.wp.com\/itayachtscanada.com\/wp-content\/uploads\/2024\/06\/Capture-decran-le-2024-06-08-a-13.06.53.jpg?resize=700%2C466&amp;ssl=1 700w, https:\/\/i0.wp.com\/itayachtscanada.com\/wp-content\/uploads\/2024\/06\/Capture-decran-le-2024-06-08-a-13.06.53.jpg?resize=900%2C600&amp;ssl=1 900w, https:\/\/i0.wp.com\/itayachtscanada.com\/wp-content\/uploads\/2024\/06\/Capture-decran-le-2024-06-08-a-13.06.53.jpg?resize=601%2C400&amp;ssl=1 601w, https:\/\/i0.wp.com\/itayachtscanada.com\/wp-content\/uploads\/2024\/06\/Capture-decran-le-2024-06-08-a-13.06.53.jpg?w=1400&amp;ssl=1 1400w\" width=\"346\" height=\"230\" loading=\"lazy\" data-original-width=\"346\" data-original-height=\"230\" itemprop=\"http:\/\/schema.org\/image\" title=\"Screenshot\" alt=\"Screenshot\" style=\"width: 346px; height: 230px;\" \/> <\/a> <\/div> <\/div> <!-- close group --> <div class=\"gallery-group images-1\" style=\"width: 350px; height: 234px;\" data-original-width=\"350\" data-original-height=\"234\" > <div class=\"tiled-gallery-item tiled-gallery-item-large\" itemprop=\"associatedMedia\" itemscope itemtype=\"http:\/\/schema.org\/ImageObject\"> <a href=\"https:\/\/itayachtscanada.com\/fr\/listing\/sunseeker-95-yacht-2023-9499000-usd-for-sale\/screenshot-3860\/\" border=\"0\" itemprop=\"url\"> <meta itemprop=\"width\" content=\"346\"> <meta itemprop=\"height\" content=\"230\"> <img decoding=\"async\" class=\"\" data-attachment-id=\"165586\" data-orig-file=\"https:\/\/itayachtscanada.com\/wp-content\/uploads\/2024\/06\/Capture-decran-le-2024-06-08-a-13.06.50.jpg\" data-orig-size=\"1660,1104\" data-comments-opened=\"1\" data-image-meta=\"{&quot;aperture&quot;:&quot;0&quot;,&quot;credit&quot;:&quot;&quot;,&quot;camera&quot;:&quot;&quot;,&quot;caption&quot;:&quot;Screenshot&quot;,&quot;created_timestamp&quot;:&quot;0&quot;,&quot;copyright&quot;:&quot;&quot;,&quot;focal_length&quot;:&quot;0&quot;,&quot;iso&quot;:&quot;0&quot;,&quot;shutter_speed&quot;:&quot;0&quot;,&quot;title&quot;:&quot;Screenshot&quot;,&quot;orientation&quot;:&quot;1&quot;}\" data-image-title=\"Screenshot\" data-image-description=\"\" data-medium-file=\"https:\/\/i0.wp.com\/itayachtscanada.com\/wp-content\/uploads\/2024\/06\/Capture-decran-le-2024-06-08-a-13.06.50.jpg?fit=300%2C200&#038;ssl=1\" data-large-file=\"https:\/\/i0.wp.com\/itayachtscanada.com\/wp-content\/uploads\/2024\/06\/Capture-decran-le-2024-06-08-a-13.06.50.jpg?fit=700%2C466&#038;ssl=1\" src=\"https:\/\/i0.wp.com\/itayachtscanada.com\/wp-content\/uploads\/2024\/06\/Capture-decran-le-2024-06-08-a-13.06.50.jpg?w=346&#038;h=230&#038;ssl=1\" srcset=\"https:\/\/i0.wp.com\/itayachtscanada.com\/wp-content\/uploads\/2024\/06\/Capture-decran-le-2024-06-08-a-13.06.50.jpg?w=1660&amp;ssl=1 1660w, https:\/\/i0.wp.com\/itayachtscanada.com\/wp-content\/uploads\/2024\/06\/Capture-decran-le-2024-06-08-a-13.06.50.jpg?resize=300%2C200&amp;ssl=1 300w, https:\/\/i0.wp.com\/itayachtscanada.com\/wp-content\/uploads\/2024\/06\/Capture-decran-le-2024-06-08-a-13.06.50.jpg?resize=1024%2C681&amp;ssl=1 1024w, https:\/\/i0.wp.com\/itayachtscanada.com\/wp-content\/uploads\/2024\/06\/Capture-decran-le-2024-06-08-a-13.06.50.jpg?resize=768%2C511&amp;ssl=1 768w, https:\/\/i0.wp.com\/itayachtscanada.com\/wp-content\/uploads\/2024\/06\/Capture-decran-le-2024-06-08-a-13.06.50.jpg?resize=1536%2C1022&amp;ssl=1 1536w, https:\/\/i0.wp.com\/itayachtscanada.com\/wp-content\/uploads\/2024\/06\/Capture-decran-le-2024-06-08-a-13.06.50.jpg?resize=1200%2C798&amp;ssl=1 1200w, https:\/\/i0.wp.com\/itayachtscanada.com\/wp-content\/uploads\/2024\/06\/Capture-decran-le-2024-06-08-a-13.06.50.jpg?resize=700%2C466&amp;ssl=1 700w, https:\/\/i0.wp.com\/itayachtscanada.com\/wp-content\/uploads\/2024\/06\/Capture-decran-le-2024-06-08-a-13.06.50.jpg?resize=900%2C600&amp;ssl=1 900w, https:\/\/i0.wp.com\/itayachtscanada.com\/wp-content\/uploads\/2024\/06\/Capture-decran-le-2024-06-08-a-13.06.50.jpg?resize=601%2C400&amp;ssl=1 601w, https:\/\/i0.wp.com\/itayachtscanada.com\/wp-content\/uploads\/2024\/06\/Capture-decran-le-2024-06-08-a-13.06.50.jpg?w=1400&amp;ssl=1 1400w\" width=\"346\" height=\"230\" loading=\"lazy\" data-original-width=\"346\" data-original-height=\"230\" itemprop=\"http:\/\/schema.org\/image\" title=\"Screenshot\" alt=\"Sunseeker 95 Yacht 2023\" style=\"width: 346px; height: 230px;\" \/> <\/a> <div class=\"tiled-gallery-caption\" itemprop=\"caption description\"> Sunseeker 95 Yacht 2023 <\/div> <\/div> <\/div> <!-- close group --> <\/div> <!-- close row --> <div class=\"gallery-row\" style=\"width: 700px; height: 312px;\" data-original-width=\"700\" data-original-height=\"312\" > <div class=\"gallery-group images-1\" style=\"width: 467px; height: 312px;\" data-original-width=\"467\" data-original-height=\"312\" > <div class=\"tiled-gallery-item tiled-gallery-item-large\" itemprop=\"associatedMedia\" itemscope itemtype=\"http:\/\/schema.org\/ImageObject\"> <a href=\"https:\/\/itayachtscanada.com\/fr\/listing\/sunseeker-95-yacht-2023-9499000-usd-for-sale\/screenshot-3861\/\" border=\"0\" itemprop=\"url\"> <meta itemprop=\"width\" content=\"463\"> <meta itemprop=\"height\" content=\"308\"> <img decoding=\"async\" class=\"\" data-attachment-id=\"165587\" data-orig-file=\"https:\/\/itayachtscanada.com\/wp-content\/uploads\/2024\/06\/Capture-decran-le-2024-06-08-a-13.06.47.jpg\" data-orig-size=\"1660,1104\" data-comments-opened=\"1\" data-image-meta=\"{&quot;aperture&quot;:&quot;0&quot;,&quot;credit&quot;:&quot;&quot;,&quot;camera&quot;:&quot;&quot;,&quot;caption&quot;:&quot;Screenshot&quot;,&quot;created_timestamp&quot;:&quot;0&quot;,&quot;copyright&quot;:&quot;&quot;,&quot;focal_length&quot;:&quot;0&quot;,&quot;iso&quot;:&quot;0&quot;,&quot;shutter_speed&quot;:&quot;0&quot;,&quot;title&quot;:&quot;Screenshot&quot;,&quot;orientation&quot;:&quot;1&quot;}\" data-image-title=\"Screenshot\" data-image-description=\"\" data-medium-file=\"https:\/\/i0.wp.com\/itayachtscanada.com\/wp-content\/uploads\/2024\/06\/Capture-decran-le-2024-06-08-a-13.06.47.jpg?fit=300%2C200&#038;ssl=1\" data-large-file=\"https:\/\/i0.wp.com\/itayachtscanada.com\/wp-content\/uploads\/2024\/06\/Capture-decran-le-2024-06-08-a-13.06.47.jpg?fit=700%2C466&#038;ssl=1\" src=\"https:\/\/i0.wp.com\/itayachtscanada.com\/wp-content\/uploads\/2024\/06\/Capture-decran-le-2024-06-08-a-13.06.47.jpg?w=463&#038;h=308&#038;ssl=1\" srcset=\"https:\/\/i0.wp.com\/itayachtscanada.com\/wp-content\/uploads\/2024\/06\/Capture-decran-le-2024-06-08-a-13.06.47.jpg?w=1660&amp;ssl=1 1660w, https:\/\/i0.wp.com\/itayachtscanada.com\/wp-content\/uploads\/2024\/06\/Capture-decran-le-2024-06-08-a-13.06.47.jpg?resize=300%2C200&amp;ssl=1 300w, https:\/\/i0.wp.com\/itayachtscanada.com\/wp-content\/uploads\/2024\/06\/Capture-decran-le-2024-06-08-a-13.06.47.jpg?resize=1024%2C681&amp;ssl=1 1024w, https:\/\/i0.wp.com\/itayachtscanada.com\/wp-content\/uploads\/2024\/06\/Capture-decran-le-2024-06-08-a-13.06.47.jpg?resize=768%2C511&amp;ssl=1 768w, https:\/\/i0.wp.com\/itayachtscanada.com\/wp-content\/uploads\/2024\/06\/Capture-decran-le-2024-06-08-a-13.06.47.jpg?resize=1536%2C1022&amp;ssl=1 1536w, https:\/\/i0.wp.com\/itayachtscanada.com\/wp-content\/uploads\/2024\/06\/Capture-decran-le-2024-06-08-a-13.06.47.jpg?resize=1200%2C798&amp;ssl=1 1200w, https:\/\/i0.wp.com\/itayachtscanada.com\/wp-content\/uploads\/2024\/06\/Capture-decran-le-2024-06-08-a-13.06.47.jpg?resize=700%2C466&amp;ssl=1 700w, https:\/\/i0.wp.com\/itayachtscanada.com\/wp-content\/uploads\/2024\/06\/Capture-decran-le-2024-06-08-a-13.06.47.jpg?resize=900%2C600&amp;ssl=1 900w, https:\/\/i0.wp.com\/itayachtscanada.com\/wp-content\/uploads\/2024\/06\/Capture-decran-le-2024-06-08-a-13.06.47.jpg?resize=601%2C400&amp;ssl=1 601w, https:\/\/i0.wp.com\/itayachtscanada.com\/wp-content\/uploads\/2024\/06\/Capture-decran-le-2024-06-08-a-13.06.47.jpg?w=1400&amp;ssl=1 1400w\" width=\"463\" height=\"308\" loading=\"lazy\" data-original-width=\"463\" data-original-height=\"308\" itemprop=\"http:\/\/schema.org\/image\" title=\"Screenshot\" alt=\"Screenshot\" style=\"width: 463px; height: 308px;\" \/> <\/a> <\/div> <\/div> <!-- close group --> <div class=\"gallery-group images-2\" style=\"width: 233px; height: 312px;\" data-original-width=\"233\" data-original-height=\"312\" > <div class=\"tiled-gallery-item tiled-gallery-item-small\" itemprop=\"associatedMedia\" itemscope itemtype=\"http:\/\/schema.org\/ImageObject\"> <a href=\"https:\/\/itayachtscanada.com\/fr\/listing\/sunseeker-95-yacht-2023-9499000-usd-for-sale\/screenshot-3863\/\" border=\"0\" itemprop=\"url\"> <meta itemprop=\"width\" content=\"229\"> <meta itemprop=\"height\" content=\"152\"> <img decoding=\"async\" class=\"\" data-attachment-id=\"165589\" data-orig-file=\"https:\/\/itayachtscanada.com\/wp-content\/uploads\/2024\/06\/Capture-decran-le-2024-06-08-a-13.06.41.jpg\" data-orig-size=\"1660,1104\" data-comments-opened=\"1\" data-image-meta=\"{&quot;aperture&quot;:&quot;0&quot;,&quot;credit&quot;:&quot;&quot;,&quot;camera&quot;:&quot;&quot;,&quot;caption&quot;:&quot;Screenshot&quot;,&quot;created_timestamp&quot;:&quot;0&quot;,&quot;copyright&quot;:&quot;&quot;,&quot;focal_length&quot;:&quot;0&quot;,&quot;iso&quot;:&quot;0&quot;,&quot;shutter_speed&quot;:&quot;0&quot;,&quot;title&quot;:&quot;Screenshot&quot;,&quot;orientation&quot;:&quot;1&quot;}\" data-image-title=\"Screenshot\" data-image-description=\"\" data-medium-file=\"https:\/\/i0.wp.com\/itayachtscanada.com\/wp-content\/uploads\/2024\/06\/Capture-decran-le-2024-06-08-a-13.06.41.jpg?fit=300%2C200&#038;ssl=1\" data-large-file=\"https:\/\/i0.wp.com\/itayachtscanada.com\/wp-content\/uploads\/2024\/06\/Capture-decran-le-2024-06-08-a-13.06.41.jpg?fit=700%2C466&#038;ssl=1\" src=\"https:\/\/i0.wp.com\/itayachtscanada.com\/wp-content\/uploads\/2024\/06\/Capture-decran-le-2024-06-08-a-13.06.41.jpg?w=229&#038;h=152&#038;ssl=1\" srcset=\"https:\/\/i0.wp.com\/itayachtscanada.com\/wp-content\/uploads\/2024\/06\/Capture-decran-le-2024-06-08-a-13.06.41.jpg?w=1660&amp;ssl=1 1660w, https:\/\/i0.wp.com\/itayachtscanada.com\/wp-content\/uploads\/2024\/06\/Capture-decran-le-2024-06-08-a-13.06.41.jpg?resize=300%2C200&amp;ssl=1 300w, https:\/\/i0.wp.com\/itayachtscanada.com\/wp-content\/uploads\/2024\/06\/Capture-decran-le-2024-06-08-a-13.06.41.jpg?resize=1024%2C681&amp;ssl=1 1024w, https:\/\/i0.wp.com\/itayachtscanada.com\/wp-content\/uploads\/2024\/06\/Capture-decran-le-2024-06-08-a-13.06.41.jpg?resize=768%2C511&amp;ssl=1 768w, https:\/\/i0.wp.com\/itayachtscanada.com\/wp-content\/uploads\/2024\/06\/Capture-decran-le-2024-06-08-a-13.06.41.jpg?resize=1536%2C1022&amp;ssl=1 1536w, https:\/\/i0.wp.com\/itayachtscanada.com\/wp-content\/uploads\/2024\/06\/Capture-decran-le-2024-06-08-a-13.06.41.jpg?resize=1200%2C798&amp;ssl=1 1200w, https:\/\/i0.wp.com\/itayachtscanada.com\/wp-content\/uploads\/2024\/06\/Capture-decran-le-2024-06-08-a-13.06.41.jpg?resize=700%2C466&amp;ssl=1 700w, https:\/\/i0.wp.com\/itayachtscanada.com\/wp-content\/uploads\/2024\/06\/Capture-decran-le-2024-06-08-a-13.06.41.jpg?resize=900%2C600&amp;ssl=1 900w, https:\/\/i0.wp.com\/itayachtscanada.com\/wp-content\/uploads\/2024\/06\/Capture-decran-le-2024-06-08-a-13.06.41.jpg?resize=601%2C400&amp;ssl=1 601w, https:\/\/i0.wp.com\/itayachtscanada.com\/wp-content\/uploads\/2024\/06\/Capture-decran-le-2024-06-08-a-13.06.41.jpg?w=1400&amp;ssl=1 1400w\" width=\"229\" height=\"152\" loading=\"lazy\" data-original-width=\"229\" data-original-height=\"152\" itemprop=\"http:\/\/schema.org\/image\" title=\"Screenshot\" alt=\"Screenshot\" style=\"width: 229px; height: 152px;\" \/> <\/a> <\/div> <div class=\"tiled-gallery-item tiled-gallery-item-small\" itemprop=\"associatedMedia\" itemscope itemtype=\"http:\/\/schema.org\/ImageObject\"> <a href=\"https:\/\/itayachtscanada.com\/fr\/listing\/sunseeker-95-yacht-2023-9499000-usd-for-sale\/screenshot-3864\/\" border=\"0\" itemprop=\"url\"> <meta itemprop=\"width\" content=\"229\"> <meta itemprop=\"height\" content=\"152\"> <img decoding=\"async\" class=\"\" data-attachment-id=\"165590\" data-orig-file=\"https:\/\/itayachtscanada.com\/wp-content\/uploads\/2024\/06\/Capture-decran-le-2024-06-08-a-13.06.38.jpg\" data-orig-size=\"1660,1104\" data-comments-opened=\"1\" data-image-meta=\"{&quot;aperture&quot;:&quot;0&quot;,&quot;credit&quot;:&quot;&quot;,&quot;camera&quot;:&quot;&quot;,&quot;caption&quot;:&quot;Screenshot&quot;,&quot;created_timestamp&quot;:&quot;0&quot;,&quot;copyright&quot;:&quot;&quot;,&quot;focal_length&quot;:&quot;0&quot;,&quot;iso&quot;:&quot;0&quot;,&quot;shutter_speed&quot;:&quot;0&quot;,&quot;title&quot;:&quot;Screenshot&quot;,&quot;orientation&quot;:&quot;1&quot;}\" data-image-title=\"Screenshot\" data-image-description=\"\" data-medium-file=\"https:\/\/i0.wp.com\/itayachtscanada.com\/wp-content\/uploads\/2024\/06\/Capture-decran-le-2024-06-08-a-13.06.38.jpg?fit=300%2C200&#038;ssl=1\" data-large-file=\"https:\/\/i0.wp.com\/itayachtscanada.com\/wp-content\/uploads\/2024\/06\/Capture-decran-le-2024-06-08-a-13.06.38.jpg?fit=700%2C466&#038;ssl=1\" src=\"https:\/\/i0.wp.com\/itayachtscanada.com\/wp-content\/uploads\/2024\/06\/Capture-decran-le-2024-06-08-a-13.06.38.jpg?w=229&#038;h=152&#038;ssl=1\" srcset=\"https:\/\/i0.wp.com\/itayachtscanada.com\/wp-content\/uploads\/2024\/06\/Capture-decran-le-2024-06-08-a-13.06.38.jpg?w=1660&amp;ssl=1 1660w, https:\/\/i0.wp.com\/itayachtscanada.com\/wp-content\/uploads\/2024\/06\/Capture-decran-le-2024-06-08-a-13.06.38.jpg?resize=300%2C200&amp;ssl=1 300w, https:\/\/i0.wp.com\/itayachtscanada.com\/wp-content\/uploads\/2024\/06\/Capture-decran-le-2024-06-08-a-13.06.38.jpg?resize=1024%2C681&amp;ssl=1 1024w, https:\/\/i0.wp.com\/itayachtscanada.com\/wp-content\/uploads\/2024\/06\/Capture-decran-le-2024-06-08-a-13.06.38.jpg?resize=768%2C511&amp;ssl=1 768w, https:\/\/i0.wp.com\/itayachtscanada.com\/wp-content\/uploads\/2024\/06\/Capture-decran-le-2024-06-08-a-13.06.38.jpg?resize=1536%2C1022&amp;ssl=1 1536w, https:\/\/i0.wp.com\/itayachtscanada.com\/wp-content\/uploads\/2024\/06\/Capture-decran-le-2024-06-08-a-13.06.38.jpg?resize=1200%2C798&amp;ssl=1 1200w, https:\/\/i0.wp.com\/itayachtscanada.com\/wp-content\/uploads\/2024\/06\/Capture-decran-le-2024-06-08-a-13.06.38.jpg?resize=700%2C466&amp;ssl=1 700w, https:\/\/i0.wp.com\/itayachtscanada.com\/wp-content\/uploads\/2024\/06\/Capture-decran-le-2024-06-08-a-13.06.38.jpg?resize=900%2C600&amp;ssl=1 900w, https:\/\/i0.wp.com\/itayachtscanada.com\/wp-content\/uploads\/2024\/06\/Capture-decran-le-2024-06-08-a-13.06.38.jpg?resize=601%2C400&amp;ssl=1 601w, https:\/\/i0.wp.com\/itayachtscanada.com\/wp-content\/uploads\/2024\/06\/Capture-decran-le-2024-06-08-a-13.06.38.jpg?w=1400&amp;ssl=1 1400w\" width=\"229\" height=\"152\" loading=\"lazy\" data-original-width=\"229\" data-original-height=\"152\" itemprop=\"http:\/\/schema.org\/image\" title=\"Screenshot\" alt=\"Screenshot\" style=\"width: 229px; height: 152px;\" \/> <\/a> <\/div> <\/div> <!-- close group --> <\/div> <!-- close row --> <div class=\"gallery-row\" style=\"width: 700px; height: 157px;\" data-original-width=\"700\" data-original-height=\"157\" > <div class=\"gallery-group images-1\" style=\"width: 234px; height: 157px;\" data-original-width=\"234\" data-original-height=\"157\" > <div class=\"tiled-gallery-item tiled-gallery-item-small\" itemprop=\"associatedMedia\" itemscope itemtype=\"http:\/\/schema.org\/ImageObject\"> <a href=\"https:\/\/itayachtscanada.com\/fr\/listing\/sunseeker-95-yacht-2023-9499000-usd-for-sale\/screenshot-3865\/\" border=\"0\" itemprop=\"url\"> <meta itemprop=\"width\" content=\"230\"> <meta itemprop=\"height\" content=\"153\"> <img decoding=\"async\" class=\"\" data-attachment-id=\"165591\" data-orig-file=\"https:\/\/itayachtscanada.com\/wp-content\/uploads\/2024\/06\/Capture-decran-le-2024-06-08-a-13.06.35.jpg\" data-orig-size=\"1660,1104\" data-comments-opened=\"1\" data-image-meta=\"{&quot;aperture&quot;:&quot;0&quot;,&quot;credit&quot;:&quot;&quot;,&quot;camera&quot;:&quot;&quot;,&quot;caption&quot;:&quot;Screenshot&quot;,&quot;created_timestamp&quot;:&quot;0&quot;,&quot;copyright&quot;:&quot;&quot;,&quot;focal_length&quot;:&quot;0&quot;,&quot;iso&quot;:&quot;0&quot;,&quot;shutter_speed&quot;:&quot;0&quot;,&quot;title&quot;:&quot;Screenshot&quot;,&quot;orientation&quot;:&quot;1&quot;}\" data-image-title=\"Screenshot\" data-image-description=\"\" data-medium-file=\"https:\/\/i0.wp.com\/itayachtscanada.com\/wp-content\/uploads\/2024\/06\/Capture-decran-le-2024-06-08-a-13.06.35.jpg?fit=300%2C200&#038;ssl=1\" data-large-file=\"https:\/\/i0.wp.com\/itayachtscanada.com\/wp-content\/uploads\/2024\/06\/Capture-decran-le-2024-06-08-a-13.06.35.jpg?fit=700%2C466&#038;ssl=1\" src=\"https:\/\/i0.wp.com\/itayachtscanada.com\/wp-content\/uploads\/2024\/06\/Capture-decran-le-2024-06-08-a-13.06.35.jpg?w=230&#038;h=153&#038;ssl=1\" srcset=\"https:\/\/i0.wp.com\/itayachtscanada.com\/wp-content\/uploads\/2024\/06\/Capture-decran-le-2024-06-08-a-13.06.35.jpg?w=1660&amp;ssl=1 1660w, https:\/\/i0.wp.com\/itayachtscanada.com\/wp-content\/uploads\/2024\/06\/Capture-decran-le-2024-06-08-a-13.06.35.jpg?resize=300%2C200&amp;ssl=1 300w, https:\/\/i0.wp.com\/itayachtscanada.com\/wp-content\/uploads\/2024\/06\/Capture-decran-le-2024-06-08-a-13.06.35.jpg?resize=1024%2C681&amp;ssl=1 1024w, https:\/\/i0.wp.com\/itayachtscanada.com\/wp-content\/uploads\/2024\/06\/Capture-decran-le-2024-06-08-a-13.06.35.jpg?resize=768%2C511&amp;ssl=1 768w, https:\/\/i0.wp.com\/itayachtscanada.com\/wp-content\/uploads\/2024\/06\/Capture-decran-le-2024-06-08-a-13.06.35.jpg?resize=1536%2C1022&amp;ssl=1 1536w, https:\/\/i0.wp.com\/itayachtscanada.com\/wp-content\/uploads\/2024\/06\/Capture-decran-le-2024-06-08-a-13.06.35.jpg?resize=1200%2C798&amp;ssl=1 1200w, https:\/\/i0.wp.com\/itayachtscanada.com\/wp-content\/uploads\/2024\/06\/Capture-decran-le-2024-06-08-a-13.06.35.jpg?resize=700%2C466&amp;ssl=1 700w, https:\/\/i0.wp.com\/itayachtscanada.com\/wp-content\/uploads\/2024\/06\/Capture-decran-le-2024-06-08-a-13.06.35.jpg?resize=900%2C600&amp;ssl=1 900w, https:\/\/i0.wp.com\/itayachtscanada.com\/wp-content\/uploads\/2024\/06\/Capture-decran-le-2024-06-08-a-13.06.35.jpg?resize=601%2C400&amp;ssl=1 601w, https:\/\/i0.wp.com\/itayachtscanada.com\/wp-content\/uploads\/2024\/06\/Capture-decran-le-2024-06-08-a-13.06.35.jpg?w=1400&amp;ssl=1 1400w\" width=\"230\" height=\"153\" loading=\"lazy\" data-original-width=\"230\" data-original-height=\"153\" itemprop=\"http:\/\/schema.org\/image\" title=\"Screenshot\" alt=\"Screenshot\" style=\"width: 230px; height: 153px;\" \/> <\/a> <\/div> <\/div> <!-- close group --> <div class=\"gallery-group images-1\" style=\"width: 233px; height: 157px;\" data-original-width=\"233\" data-original-height=\"157\" > <div class=\"tiled-gallery-item tiled-gallery-item-small\" itemprop=\"associatedMedia\" itemscope itemtype=\"http:\/\/schema.org\/ImageObject\"> <a href=\"https:\/\/itayachtscanada.com\/fr\/listing\/sunseeker-95-yacht-2023-9499000-usd-for-sale\/screenshot-3866\/\" border=\"0\" itemprop=\"url\"> <meta itemprop=\"width\" content=\"229\"> <meta itemprop=\"height\" content=\"153\"> <img decoding=\"async\" class=\"\" data-attachment-id=\"165592\" data-orig-file=\"https:\/\/itayachtscanada.com\/wp-content\/uploads\/2024\/06\/Capture-decran-le-2024-06-08-a-13.06.32.jpg\" data-orig-size=\"1660,1104\" data-comments-opened=\"1\" data-image-meta=\"{&quot;aperture&quot;:&quot;0&quot;,&quot;credit&quot;:&quot;&quot;,&quot;camera&quot;:&quot;&quot;,&quot;caption&quot;:&quot;Screenshot&quot;,&quot;created_timestamp&quot;:&quot;0&quot;,&quot;copyright&quot;:&quot;&quot;,&quot;focal_length&quot;:&quot;0&quot;,&quot;iso&quot;:&quot;0&quot;,&quot;shutter_speed&quot;:&quot;0&quot;,&quot;title&quot;:&quot;Screenshot&quot;,&quot;orientation&quot;:&quot;1&quot;}\" data-image-title=\"Screenshot\" data-image-description=\"\" data-medium-file=\"https:\/\/i0.wp.com\/itayachtscanada.com\/wp-content\/uploads\/2024\/06\/Capture-decran-le-2024-06-08-a-13.06.32.jpg?fit=300%2C200&#038;ssl=1\" data-large-file=\"https:\/\/i0.wp.com\/itayachtscanada.com\/wp-content\/uploads\/2024\/06\/Capture-decran-le-2024-06-08-a-13.06.32.jpg?fit=700%2C466&#038;ssl=1\" src=\"https:\/\/i0.wp.com\/itayachtscanada.com\/wp-content\/uploads\/2024\/06\/Capture-decran-le-2024-06-08-a-13.06.32.jpg?w=229&#038;h=153&#038;ssl=1\" srcset=\"https:\/\/i0.wp.com\/itayachtscanada.com\/wp-content\/uploads\/2024\/06\/Capture-decran-le-2024-06-08-a-13.06.32.jpg?w=1660&amp;ssl=1 1660w, https:\/\/i0.wp.com\/itayachtscanada.com\/wp-content\/uploads\/2024\/06\/Capture-decran-le-2024-06-08-a-13.06.32.jpg?resize=300%2C200&amp;ssl=1 300w, https:\/\/i0.wp.com\/itayachtscanada.com\/wp-content\/uploads\/2024\/06\/Capture-decran-le-2024-06-08-a-13.06.32.jpg?resize=1024%2C681&amp;ssl=1 1024w, https:\/\/i0.wp.com\/itayachtscanada.com\/wp-content\/uploads\/2024\/06\/Capture-decran-le-2024-06-08-a-13.06.32.jpg?resize=768%2C511&amp;ssl=1 768w, https:\/\/i0.wp.com\/itayachtscanada.com\/wp-content\/uploads\/2024\/06\/Capture-decran-le-2024-06-08-a-13.06.32.jpg?resize=1536%2C1022&amp;ssl=1 1536w, https:\/\/i0.wp.com\/itayachtscanada.com\/wp-content\/uploads\/2024\/06\/Capture-decran-le-2024-06-08-a-13.06.32.jpg?resize=1200%2C798&amp;ssl=1 1200w, https:\/\/i0.wp.com\/itayachtscanada.com\/wp-content\/uploads\/2024\/06\/Capture-decran-le-2024-06-08-a-13.06.32.jpg?resize=700%2C466&amp;ssl=1 700w, https:\/\/i0.wp.com\/itayachtscanada.com\/wp-content\/uploads\/2024\/06\/Capture-decran-le-2024-06-08-a-13.06.32.jpg?resize=900%2C600&amp;ssl=1 900w, https:\/\/i0.wp.com\/itayachtscanada.com\/wp-content\/uploads\/2024\/06\/Capture-decran-le-2024-06-08-a-13.06.32.jpg?resize=601%2C400&amp;ssl=1 601w, https:\/\/i0.wp.com\/itayachtscanada.com\/wp-content\/uploads\/2024\/06\/Capture-decran-le-2024-06-08-a-13.06.32.jpg?w=1400&amp;ssl=1 1400w\" width=\"229\" height=\"153\" loading=\"lazy\" data-original-width=\"229\" data-original-height=\"153\" itemprop=\"http:\/\/schema.org\/image\" title=\"Screenshot\" alt=\"Screenshot\" style=\"width: 229px; height: 153px;\" \/> <\/a> <\/div> <\/div> <!-- close group --> <div class=\"gallery-group images-1\" style=\"width: 233px; height: 157px;\" data-original-width=\"233\" data-original-height=\"157\" > <div class=\"tiled-gallery-item tiled-gallery-item-small\" itemprop=\"associatedMedia\" itemscope itemtype=\"http:\/\/schema.org\/ImageObject\"> <a href=\"https:\/\/itayachtscanada.com\/fr\/listing\/sunseeker-95-yacht-2023-9499000-usd-for-sale\/screenshot-3867\/\" border=\"0\" itemprop=\"url\"> <meta itemprop=\"width\" content=\"229\"> <meta itemprop=\"height\" content=\"153\"> <img decoding=\"async\" class=\"\" data-attachment-id=\"165593\" data-orig-file=\"https:\/\/itayachtscanada.com\/wp-content\/uploads\/2024\/06\/Capture-decran-le-2024-06-08-a-13.06.29.jpg\" data-orig-size=\"1660,1104\" data-comments-opened=\"1\" data-image-meta=\"{&quot;aperture&quot;:&quot;0&quot;,&quot;credit&quot;:&quot;&quot;,&quot;camera&quot;:&quot;&quot;,&quot;caption&quot;:&quot;Screenshot&quot;,&quot;created_timestamp&quot;:&quot;0&quot;,&quot;copyright&quot;:&quot;&quot;,&quot;focal_length&quot;:&quot;0&quot;,&quot;iso&quot;:&quot;0&quot;,&quot;shutter_speed&quot;:&quot;0&quot;,&quot;title&quot;:&quot;Screenshot&quot;,&quot;orientation&quot;:&quot;1&quot;}\" data-image-title=\"Screenshot\" data-image-description=\"\" data-medium-file=\"https:\/\/i0.wp.com\/itayachtscanada.com\/wp-content\/uploads\/2024\/06\/Capture-decran-le-2024-06-08-a-13.06.29.jpg?fit=300%2C200&#038;ssl=1\" data-large-file=\"https:\/\/i0.wp.com\/itayachtscanada.com\/wp-content\/uploads\/2024\/06\/Capture-decran-le-2024-06-08-a-13.06.29.jpg?fit=700%2C466&#038;ssl=1\" src=\"https:\/\/i0.wp.com\/itayachtscanada.com\/wp-content\/uploads\/2024\/06\/Capture-decran-le-2024-06-08-a-13.06.29.jpg?w=229&#038;h=153&#038;ssl=1\" srcset=\"https:\/\/i0.wp.com\/itayachtscanada.com\/wp-content\/uploads\/2024\/06\/Capture-decran-le-2024-06-08-a-13.06.29.jpg?w=1660&amp;ssl=1 1660w, https:\/\/i0.wp.com\/itayachtscanada.com\/wp-content\/uploads\/2024\/06\/Capture-decran-le-2024-06-08-a-13.06.29.jpg?resize=300%2C200&amp;ssl=1 300w, https:\/\/i0.wp.com\/itayachtscanada.com\/wp-content\/uploads\/2024\/06\/Capture-decran-le-2024-06-08-a-13.06.29.jpg?resize=1024%2C681&amp;ssl=1 1024w, https:\/\/i0.wp.com\/itayachtscanada.com\/wp-content\/uploads\/2024\/06\/Capture-decran-le-2024-06-08-a-13.06.29.jpg?resize=768%2C511&amp;ssl=1 768w, https:\/\/i0.wp.com\/itayachtscanada.com\/wp-content\/uploads\/2024\/06\/Capture-decran-le-2024-06-08-a-13.06.29.jpg?resize=1536%2C1022&amp;ssl=1 1536w, https:\/\/i0.wp.com\/itayachtscanada.com\/wp-content\/uploads\/2024\/06\/Capture-decran-le-2024-06-08-a-13.06.29.jpg?resize=1200%2C798&amp;ssl=1 1200w, https:\/\/i0.wp.com\/itayachtscanada.com\/wp-content\/uploads\/2024\/06\/Capture-decran-le-2024-06-08-a-13.06.29.jpg?resize=700%2C466&amp;ssl=1 700w, https:\/\/i0.wp.com\/itayachtscanada.com\/wp-content\/uploads\/2024\/06\/Capture-decran-le-2024-06-08-a-13.06.29.jpg?resize=900%2C600&amp;ssl=1 900w, https:\/\/i0.wp.com\/itayachtscanada.com\/wp-content\/uploads\/2024\/06\/Capture-decran-le-2024-06-08-a-13.06.29.jpg?resize=601%2C400&amp;ssl=1 601w, https:\/\/i0.wp.com\/itayachtscanada.com\/wp-content\/uploads\/2024\/06\/Capture-decran-le-2024-06-08-a-13.06.29.jpg?w=1400&amp;ssl=1 1400w\" width=\"229\" height=\"153\" loading=\"lazy\" data-original-width=\"229\" data-original-height=\"153\" itemprop=\"http:\/\/schema.org\/image\" title=\"Screenshot\" alt=\"Screenshot\" style=\"width: 229px; height: 153px;\" \/> <\/a> <\/div> <\/div> <!-- close group --> <\/div> <!-- close row --> <div class=\"gallery-row\" style=\"width: 700px; height: 312px;\" data-original-width=\"700\" data-original-height=\"312\" > <div class=\"gallery-group images-2\" style=\"width: 233px; height: 312px;\" data-original-width=\"233\" data-original-height=\"312\" > <div class=\"tiled-gallery-item tiled-gallery-item-small\" itemprop=\"associatedMedia\" itemscope itemtype=\"http:\/\/schema.org\/ImageObject\"> <a href=\"https:\/\/itayachtscanada.com\/fr\/listing\/sunseeker-95-yacht-2023-9499000-usd-for-sale\/screenshot-3868\/\" border=\"0\" itemprop=\"url\"> <meta itemprop=\"width\" content=\"229\"> <meta itemprop=\"height\" content=\"152\"> <img decoding=\"async\" class=\"\" data-attachment-id=\"165594\" data-orig-file=\"https:\/\/itayachtscanada.com\/wp-content\/uploads\/2024\/06\/Capture-decran-le-2024-06-08-a-13.06.26.jpg\" data-orig-size=\"1660,1104\" data-comments-opened=\"1\" data-image-meta=\"{&quot;aperture&quot;:&quot;0&quot;,&quot;credit&quot;:&quot;&quot;,&quot;camera&quot;:&quot;&quot;,&quot;caption&quot;:&quot;Screenshot&quot;,&quot;created_timestamp&quot;:&quot;0&quot;,&quot;copyright&quot;:&quot;&quot;,&quot;focal_length&quot;:&quot;0&quot;,&quot;iso&quot;:&quot;0&quot;,&quot;shutter_speed&quot;:&quot;0&quot;,&quot;title&quot;:&quot;Screenshot&quot;,&quot;orientation&quot;:&quot;1&quot;}\" data-image-title=\"Screenshot\" data-image-description=\"\" data-medium-file=\"https:\/\/i0.wp.com\/itayachtscanada.com\/wp-content\/uploads\/2024\/06\/Capture-decran-le-2024-06-08-a-13.06.26.jpg?fit=300%2C200&#038;ssl=1\" data-large-file=\"https:\/\/i0.wp.com\/itayachtscanada.com\/wp-content\/uploads\/2024\/06\/Capture-decran-le-2024-06-08-a-13.06.26.jpg?fit=700%2C466&#038;ssl=1\" src=\"https:\/\/i0.wp.com\/itayachtscanada.com\/wp-content\/uploads\/2024\/06\/Capture-decran-le-2024-06-08-a-13.06.26.jpg?w=229&#038;h=152&#038;ssl=1\" srcset=\"https:\/\/i0.wp.com\/itayachtscanada.com\/wp-content\/uploads\/2024\/06\/Capture-decran-le-2024-06-08-a-13.06.26.jpg?w=1660&amp;ssl=1 1660w, https:\/\/i0.wp.com\/itayachtscanada.com\/wp-content\/uploads\/2024\/06\/Capture-decran-le-2024-06-08-a-13.06.26.jpg?resize=300%2C200&amp;ssl=1 300w, https:\/\/i0.wp.com\/itayachtscanada.com\/wp-content\/uploads\/2024\/06\/Capture-decran-le-2024-06-08-a-13.06.26.jpg?resize=1024%2C681&amp;ssl=1 1024w, https:\/\/i0.wp.com\/itayachtscanada.com\/wp-content\/uploads\/2024\/06\/Capture-decran-le-2024-06-08-a-13.06.26.jpg?resize=768%2C511&amp;ssl=1 768w, https:\/\/i0.wp.com\/itayachtscanada.com\/wp-content\/uploads\/2024\/06\/Capture-decran-le-2024-06-08-a-13.06.26.jpg?resize=1536%2C1022&amp;ssl=1 1536w, https:\/\/i0.wp.com\/itayachtscanada.com\/wp-content\/uploads\/2024\/06\/Capture-decran-le-2024-06-08-a-13.06.26.jpg?resize=1200%2C798&amp;ssl=1 1200w, https:\/\/i0.wp.com\/itayachtscanada.com\/wp-content\/uploads\/2024\/06\/Capture-decran-le-2024-06-08-a-13.06.26.jpg?resize=700%2C466&amp;ssl=1 700w, https:\/\/i0.wp.com\/itayachtscanada.com\/wp-content\/uploads\/2024\/06\/Capture-decran-le-2024-06-08-a-13.06.26.jpg?resize=900%2C600&amp;ssl=1 900w, https:\/\/i0.wp.com\/itayachtscanada.com\/wp-content\/uploads\/2024\/06\/Capture-decran-le-2024-06-08-a-13.06.26.jpg?resize=601%2C400&amp;ssl=1 601w, https:\/\/i0.wp.com\/itayachtscanada.com\/wp-content\/uploads\/2024\/06\/Capture-decran-le-2024-06-08-a-13.06.26.jpg?w=1400&amp;ssl=1 1400w\" width=\"229\" height=\"152\" loading=\"lazy\" data-original-width=\"229\" data-original-height=\"152\" itemprop=\"http:\/\/schema.org\/image\" title=\"Screenshot\" alt=\"Screenshot\" style=\"width: 229px; height: 152px;\" \/> <\/a> <\/div> <div class=\"tiled-gallery-item tiled-gallery-item-small\" itemprop=\"associatedMedia\" itemscope itemtype=\"http:\/\/schema.org\/ImageObject\"> <a href=\"https:\/\/itayachtscanada.com\/fr\/listing\/sunseeker-95-yacht-2023-9499000-usd-for-sale\/screenshot-3873\/\" border=\"0\" itemprop=\"url\"> <meta itemprop=\"width\" content=\"229\"> <meta itemprop=\"height\" content=\"152\"> <img decoding=\"async\" class=\"\" data-attachment-id=\"165599\" data-orig-file=\"https:\/\/itayachtscanada.com\/wp-content\/uploads\/2024\/06\/Capture-decran-le-2024-06-08-a-13.05.41.jpg\" data-orig-size=\"1660,1104\" data-comments-opened=\"1\" data-image-meta=\"{&quot;aperture&quot;:&quot;0&quot;,&quot;credit&quot;:&quot;&quot;,&quot;camera&quot;:&quot;&quot;,&quot;caption&quot;:&quot;Screenshot&quot;,&quot;created_timestamp&quot;:&quot;0&quot;,&quot;copyright&quot;:&quot;&quot;,&quot;focal_length&quot;:&quot;0&quot;,&quot;iso&quot;:&quot;0&quot;,&quot;shutter_speed&quot;:&quot;0&quot;,&quot;title&quot;:&quot;Screenshot&quot;,&quot;orientation&quot;:&quot;1&quot;}\" data-image-title=\"Screenshot\" data-image-description=\"\" data-medium-file=\"https:\/\/i0.wp.com\/itayachtscanada.com\/wp-content\/uploads\/2024\/06\/Capture-decran-le-2024-06-08-a-13.05.41.jpg?fit=300%2C200&#038;ssl=1\" data-large-file=\"https:\/\/i0.wp.com\/itayachtscanada.com\/wp-content\/uploads\/2024\/06\/Capture-decran-le-2024-06-08-a-13.05.41.jpg?fit=700%2C466&#038;ssl=1\" src=\"https:\/\/i0.wp.com\/itayachtscanada.com\/wp-content\/uploads\/2024\/06\/Capture-decran-le-2024-06-08-a-13.05.41.jpg?w=229&#038;h=152&#038;ssl=1\" srcset=\"https:\/\/i0.wp.com\/itayachtscanada.com\/wp-content\/uploads\/2024\/06\/Capture-decran-le-2024-06-08-a-13.05.41.jpg?w=1660&amp;ssl=1 1660w, https:\/\/i0.wp.com\/itayachtscanada.com\/wp-content\/uploads\/2024\/06\/Capture-decran-le-2024-06-08-a-13.05.41.jpg?resize=300%2C200&amp;ssl=1 300w, https:\/\/i0.wp.com\/itayachtscanada.com\/wp-content\/uploads\/2024\/06\/Capture-decran-le-2024-06-08-a-13.05.41.jpg?resize=1024%2C681&amp;ssl=1 1024w, https:\/\/i0.wp.com\/itayachtscanada.com\/wp-content\/uploads\/2024\/06\/Capture-decran-le-2024-06-08-a-13.05.41.jpg?resize=768%2C511&amp;ssl=1 768w, https:\/\/i0.wp.com\/itayachtscanada.com\/wp-content\/uploads\/2024\/06\/Capture-decran-le-2024-06-08-a-13.05.41.jpg?resize=1536%2C1022&amp;ssl=1 1536w, https:\/\/i0.wp.com\/itayachtscanada.com\/wp-content\/uploads\/2024\/06\/Capture-decran-le-2024-06-08-a-13.05.41.jpg?resize=1200%2C798&amp;ssl=1 1200w, https:\/\/i0.wp.com\/itayachtscanada.com\/wp-content\/uploads\/2024\/06\/Capture-decran-le-2024-06-08-a-13.05.41.jpg?resize=700%2C466&amp;ssl=1 700w, https:\/\/i0.wp.com\/itayachtscanada.com\/wp-content\/uploads\/2024\/06\/Capture-decran-le-2024-06-08-a-13.05.41.jpg?resize=900%2C600&amp;ssl=1 900w, https:\/\/i0.wp.com\/itayachtscanada.com\/wp-content\/uploads\/2024\/06\/Capture-decran-le-2024-06-08-a-13.05.41.jpg?resize=601%2C400&amp;ssl=1 601w, https:\/\/i0.wp.com\/itayachtscanada.com\/wp-content\/uploads\/2024\/06\/Capture-decran-le-2024-06-08-a-13.05.41.jpg?w=1400&amp;ssl=1 1400w\" width=\"229\" height=\"152\" loading=\"lazy\" data-original-width=\"229\" data-original-height=\"152\" itemprop=\"http:\/\/schema.org\/image\" title=\"Screenshot\" alt=\"Sunseeker 95 Yacht 2023\" style=\"width: 229px; height: 152px;\" \/> <\/a> <div class=\"tiled-gallery-caption\" itemprop=\"caption description\"> Sunseeker 95 Yacht 2023 <\/div> <\/div> <\/div> <!-- close group --> <div class=\"gallery-group images-1\" style=\"width: 467px; height: 312px;\" data-original-width=\"467\" data-original-height=\"312\" > <div class=\"tiled-gallery-item tiled-gallery-item-large\" itemprop=\"associatedMedia\" itemscope itemtype=\"http:\/\/schema.org\/ImageObject\"> <a href=\"https:\/\/itayachtscanada.com\/fr\/listing\/sunseeker-95-yacht-2023-9499000-usd-for-sale\/screenshot-3875\/\" border=\"0\" itemprop=\"url\"> <meta itemprop=\"width\" content=\"463\"> <meta itemprop=\"height\" content=\"308\"> <img decoding=\"async\" class=\"\" data-attachment-id=\"165601\" data-orig-file=\"https:\/\/itayachtscanada.com\/wp-content\/uploads\/2024\/06\/Capture-decran-le-2024-06-08-a-13.05.35.jpg\" data-orig-size=\"1660,1104\" data-comments-opened=\"1\" data-image-meta=\"{&quot;aperture&quot;:&quot;0&quot;,&quot;credit&quot;:&quot;&quot;,&quot;camera&quot;:&quot;&quot;,&quot;caption&quot;:&quot;Screenshot&quot;,&quot;created_timestamp&quot;:&quot;0&quot;,&quot;copyright&quot;:&quot;&quot;,&quot;focal_length&quot;:&quot;0&quot;,&quot;iso&quot;:&quot;0&quot;,&quot;shutter_speed&quot;:&quot;0&quot;,&quot;title&quot;:&quot;Screenshot&quot;,&quot;orientation&quot;:&quot;1&quot;}\" data-image-title=\"Screenshot\" data-image-description=\"\" data-medium-file=\"https:\/\/i0.wp.com\/itayachtscanada.com\/wp-content\/uploads\/2024\/06\/Capture-decran-le-2024-06-08-a-13.05.35.jpg?fit=300%2C200&#038;ssl=1\" data-large-file=\"https:\/\/i0.wp.com\/itayachtscanada.com\/wp-content\/uploads\/2024\/06\/Capture-decran-le-2024-06-08-a-13.05.35.jpg?fit=700%2C466&#038;ssl=1\" src=\"https:\/\/i0.wp.com\/itayachtscanada.com\/wp-content\/uploads\/2024\/06\/Capture-decran-le-2024-06-08-a-13.05.35.jpg?w=463&#038;h=308&#038;ssl=1\" srcset=\"https:\/\/i0.wp.com\/itayachtscanada.com\/wp-content\/uploads\/2024\/06\/Capture-decran-le-2024-06-08-a-13.05.35.jpg?w=1660&amp;ssl=1 1660w, https:\/\/i0.wp.com\/itayachtscanada.com\/wp-content\/uploads\/2024\/06\/Capture-decran-le-2024-06-08-a-13.05.35.jpg?resize=300%2C200&amp;ssl=1 300w, https:\/\/i0.wp.com\/itayachtscanada.com\/wp-content\/uploads\/2024\/06\/Capture-decran-le-2024-06-08-a-13.05.35.jpg?resize=1024%2C681&amp;ssl=1 1024w, https:\/\/i0.wp.com\/itayachtscanada.com\/wp-content\/uploads\/2024\/06\/Capture-decran-le-2024-06-08-a-13.05.35.jpg?resize=768%2C511&amp;ssl=1 768w, https:\/\/i0.wp.com\/itayachtscanada.com\/wp-content\/uploads\/2024\/06\/Capture-decran-le-2024-06-08-a-13.05.35.jpg?resize=1536%2C1022&amp;ssl=1 1536w, https:\/\/i0.wp.com\/itayachtscanada.com\/wp-content\/uploads\/2024\/06\/Capture-decran-le-2024-06-08-a-13.05.35.jpg?resize=1200%2C798&amp;ssl=1 1200w, https:\/\/i0.wp.com\/itayachtscanada.com\/wp-content\/uploads\/2024\/06\/Capture-decran-le-2024-06-08-a-13.05.35.jpg?resize=700%2C466&amp;ssl=1 700w, https:\/\/i0.wp.com\/itayachtscanada.com\/wp-content\/uploads\/2024\/06\/Capture-decran-le-2024-06-08-a-13.05.35.jpg?resize=900%2C600&amp;ssl=1 900w, https:\/\/i0.wp.com\/itayachtscanada.com\/wp-content\/uploads\/2024\/06\/Capture-decran-le-2024-06-08-a-13.05.35.jpg?resize=601%2C400&amp;ssl=1 601w, https:\/\/i0.wp.com\/itayachtscanada.com\/wp-content\/uploads\/2024\/06\/Capture-decran-le-2024-06-08-a-13.05.35.jpg?w=1400&amp;ssl=1 1400w\" width=\"463\" height=\"308\" loading=\"lazy\" data-original-width=\"463\" data-original-height=\"308\" itemprop=\"http:\/\/schema.org\/image\" title=\"Screenshot\" alt=\"Sunseeker 95 Yacht 2023\" style=\"width: 463px; height: 308px;\" \/> <\/a> <div class=\"tiled-gallery-caption\" itemprop=\"caption description\"> Sunseeker 95 Yacht 2023 <\/div> <\/div> <\/div> <!-- close group --> <\/div> <!-- close row --> <div class=\"gallery-row\" style=\"width: 700px; height: 234px;\" data-original-width=\"700\" data-original-height=\"234\" > <div class=\"gallery-group images-1\" style=\"width: 350px; height: 234px;\" data-original-width=\"350\" data-original-height=\"234\" > <div class=\"tiled-gallery-item tiled-gallery-item-large\" itemprop=\"associatedMedia\" itemscope itemtype=\"http:\/\/schema.org\/ImageObject\"> <a href=\"https:\/\/itayachtscanada.com\/fr\/listing\/sunseeker-95-yacht-2023-9499000-usd-for-sale\/screenshot-3874\/\" border=\"0\" itemprop=\"url\"> <meta itemprop=\"width\" content=\"346\"> <meta itemprop=\"height\" content=\"230\"> <img decoding=\"async\" class=\"\" data-attachment-id=\"165600\" data-orig-file=\"https:\/\/itayachtscanada.com\/wp-content\/uploads\/2024\/06\/Capture-decran-le-2024-06-08-a-13.05.38.jpg\" data-orig-size=\"1660,1104\" data-comments-opened=\"1\" data-image-meta=\"{&quot;aperture&quot;:&quot;0&quot;,&quot;credit&quot;:&quot;&quot;,&quot;camera&quot;:&quot;&quot;,&quot;caption&quot;:&quot;Screenshot&quot;,&quot;created_timestamp&quot;:&quot;0&quot;,&quot;copyright&quot;:&quot;&quot;,&quot;focal_length&quot;:&quot;0&quot;,&quot;iso&quot;:&quot;0&quot;,&quot;shutter_speed&quot;:&quot;0&quot;,&quot;title&quot;:&quot;Screenshot&quot;,&quot;orientation&quot;:&quot;1&quot;}\" data-image-title=\"Screenshot\" data-image-description=\"\" data-medium-file=\"https:\/\/i0.wp.com\/itayachtscanada.com\/wp-content\/uploads\/2024\/06\/Capture-decran-le-2024-06-08-a-13.05.38.jpg?fit=300%2C200&#038;ssl=1\" data-large-file=\"https:\/\/i0.wp.com\/itayachtscanada.com\/wp-content\/uploads\/2024\/06\/Capture-decran-le-2024-06-08-a-13.05.38.jpg?fit=700%2C466&#038;ssl=1\" src=\"https:\/\/i0.wp.com\/itayachtscanada.com\/wp-content\/uploads\/2024\/06\/Capture-decran-le-2024-06-08-a-13.05.38.jpg?w=346&#038;h=230&#038;ssl=1\" srcset=\"https:\/\/i0.wp.com\/itayachtscanada.com\/wp-content\/uploads\/2024\/06\/Capture-decran-le-2024-06-08-a-13.05.38.jpg?w=1660&amp;ssl=1 1660w, https:\/\/i0.wp.com\/itayachtscanada.com\/wp-content\/uploads\/2024\/06\/Capture-decran-le-2024-06-08-a-13.05.38.jpg?resize=300%2C200&amp;ssl=1 300w, https:\/\/i0.wp.com\/itayachtscanada.com\/wp-content\/uploads\/2024\/06\/Capture-decran-le-2024-06-08-a-13.05.38.jpg?resize=1024%2C681&amp;ssl=1 1024w, https:\/\/i0.wp.com\/itayachtscanada.com\/wp-content\/uploads\/2024\/06\/Capture-decran-le-2024-06-08-a-13.05.38.jpg?resize=768%2C511&amp;ssl=1 768w, https:\/\/i0.wp.com\/itayachtscanada.com\/wp-content\/uploads\/2024\/06\/Capture-decran-le-2024-06-08-a-13.05.38.jpg?resize=1536%2C1022&amp;ssl=1 1536w, https:\/\/i0.wp.com\/itayachtscanada.com\/wp-content\/uploads\/2024\/06\/Capture-decran-le-2024-06-08-a-13.05.38.jpg?resize=1200%2C798&amp;ssl=1 1200w, https:\/\/i0.wp.com\/itayachtscanada.com\/wp-content\/uploads\/2024\/06\/Capture-decran-le-2024-06-08-a-13.05.38.jpg?resize=700%2C466&amp;ssl=1 700w, https:\/\/i0.wp.com\/itayachtscanada.com\/wp-content\/uploads\/2024\/06\/Capture-decran-le-2024-06-08-a-13.05.38.jpg?resize=900%2C600&amp;ssl=1 900w, https:\/\/i0.wp.com\/itayachtscanada.com\/wp-content\/uploads\/2024\/06\/Capture-decran-le-2024-06-08-a-13.05.38.jpg?resize=601%2C400&amp;ssl=1 601w, https:\/\/i0.wp.com\/itayachtscanada.com\/wp-content\/uploads\/2024\/06\/Capture-decran-le-2024-06-08-a-13.05.38.jpg?w=1400&amp;ssl=1 1400w\" width=\"346\" height=\"230\" loading=\"lazy\" data-original-width=\"346\" data-original-height=\"230\" itemprop=\"http:\/\/schema.org\/image\" title=\"Screenshot\" alt=\"Screenshot\" style=\"width: 346px; height: 230px;\" \/> <\/a> <\/div> <\/div> <!-- close group --> <div class=\"gallery-group images-1\" style=\"width: 350px; height: 234px;\" data-original-width=\"350\" data-original-height=\"234\" > <div class=\"tiled-gallery-item tiled-gallery-item-large\" itemprop=\"associatedMedia\" itemscope itemtype=\"http:\/\/schema.org\/ImageObject\"> <a href=\"https:\/\/itayachtscanada.com\/fr\/listing\/sunseeker-95-yacht-2023-9499000-usd-for-sale\/screenshot-3870\/\" border=\"0\" itemprop=\"url\"> <meta itemprop=\"width\" content=\"346\"> <meta itemprop=\"height\" content=\"230\"> <img decoding=\"async\" class=\"\" data-attachment-id=\"165596\" data-orig-file=\"https:\/\/itayachtscanada.com\/wp-content\/uploads\/2024\/06\/Capture-decran-le-2024-06-08-a-13.05.52.jpg\" data-orig-size=\"1660,1104\" data-comments-opened=\"1\" data-image-meta=\"{&quot;aperture&quot;:&quot;0&quot;,&quot;credit&quot;:&quot;&quot;,&quot;camera&quot;:&quot;&quot;,&quot;caption&quot;:&quot;Screenshot&quot;,&quot;created_timestamp&quot;:&quot;0&quot;,&quot;copyright&quot;:&quot;&quot;,&quot;focal_length&quot;:&quot;0&quot;,&quot;iso&quot;:&quot;0&quot;,&quot;shutter_speed&quot;:&quot;0&quot;,&quot;title&quot;:&quot;Screenshot&quot;,&quot;orientation&quot;:&quot;1&quot;}\" data-image-title=\"Screenshot\" data-image-description=\"\" data-medium-file=\"https:\/\/i0.wp.com\/itayachtscanada.com\/wp-content\/uploads\/2024\/06\/Capture-decran-le-2024-06-08-a-13.05.52.jpg?fit=300%2C200&#038;ssl=1\" data-large-file=\"https:\/\/i0.wp.com\/itayachtscanada.com\/wp-content\/uploads\/2024\/06\/Capture-decran-le-2024-06-08-a-13.05.52.jpg?fit=700%2C466&#038;ssl=1\" src=\"https:\/\/i0.wp.com\/itayachtscanada.com\/wp-content\/uploads\/2024\/06\/Capture-decran-le-2024-06-08-a-13.05.52.jpg?w=346&#038;h=230&#038;ssl=1\" srcset=\"https:\/\/i0.wp.com\/itayachtscanada.com\/wp-content\/uploads\/2024\/06\/Capture-decran-le-2024-06-08-a-13.05.52.jpg?w=1660&amp;ssl=1 1660w, https:\/\/i0.wp.com\/itayachtscanada.com\/wp-content\/uploads\/2024\/06\/Capture-decran-le-2024-06-08-a-13.05.52.jpg?resize=300%2C200&amp;ssl=1 300w, https:\/\/i0.wp.com\/itayachtscanada.com\/wp-content\/uploads\/2024\/06\/Capture-decran-le-2024-06-08-a-13.05.52.jpg?resize=1024%2C681&amp;ssl=1 1024w, https:\/\/i0.wp.com\/itayachtscanada.com\/wp-content\/uploads\/2024\/06\/Capture-decran-le-2024-06-08-a-13.05.52.jpg?resize=768%2C511&amp;ssl=1 768w, https:\/\/i0.wp.com\/itayachtscanada.com\/wp-content\/uploads\/2024\/06\/Capture-decran-le-2024-06-08-a-13.05.52.jpg?resize=1536%2C1022&amp;ssl=1 1536w, https:\/\/i0.wp.com\/itayachtscanada.com\/wp-content\/uploads\/2024\/06\/Capture-decran-le-2024-06-08-a-13.05.52.jpg?resize=1200%2C798&amp;ssl=1 1200w, https:\/\/i0.wp.com\/itayachtscanada.com\/wp-content\/uploads\/2024\/06\/Capture-decran-le-2024-06-08-a-13.05.52.jpg?resize=700%2C466&amp;ssl=1 700w, https:\/\/i0.wp.com\/itayachtscanada.com\/wp-content\/uploads\/2024\/06\/Capture-decran-le-2024-06-08-a-13.05.52.jpg?resize=900%2C600&amp;ssl=1 900w, https:\/\/i0.wp.com\/itayachtscanada.com\/wp-content\/uploads\/2024\/06\/Capture-decran-le-2024-06-08-a-13.05.52.jpg?resize=601%2C400&amp;ssl=1 601w, https:\/\/i0.wp.com\/itayachtscanada.com\/wp-content\/uploads\/2024\/06\/Capture-decran-le-2024-06-08-a-13.05.52.jpg?w=1400&amp;ssl=1 1400w\" width=\"346\" height=\"230\" loading=\"lazy\" data-original-width=\"346\" data-original-height=\"230\" itemprop=\"http:\/\/schema.org\/image\" title=\"Screenshot\" alt=\"Screenshot\" style=\"width: 346px; height: 230px;\" \/> <\/a> <\/div> <\/div> <!-- close group --> <\/div> <!-- close row --> <div class=\"gallery-row\" style=\"width: 700px; height: 234px;\" data-original-width=\"700\" data-original-height=\"234\" > <div class=\"gallery-group images-1\" style=\"width: 350px; height: 234px;\" data-original-width=\"350\" data-original-height=\"234\" > <div class=\"tiled-gallery-item tiled-gallery-item-large\" itemprop=\"associatedMedia\" itemscope itemtype=\"http:\/\/schema.org\/ImageObject\"> <a href=\"https:\/\/itayachtscanada.com\/fr\/listing\/sunseeker-95-yacht-2023-9499000-usd-for-sale\/screenshot-3871\/\" border=\"0\" itemprop=\"url\"> <meta itemprop=\"width\" content=\"346\"> <meta itemprop=\"height\" content=\"230\"> <img decoding=\"async\" class=\"\" data-attachment-id=\"165597\" data-orig-file=\"https:\/\/itayachtscanada.com\/wp-content\/uploads\/2024\/06\/Capture-decran-le-2024-06-08-a-13.05.48.jpg\" data-orig-size=\"1660,1104\" data-comments-opened=\"1\" data-image-meta=\"{&quot;aperture&quot;:&quot;0&quot;,&quot;credit&quot;:&quot;&quot;,&quot;camera&quot;:&quot;&quot;,&quot;caption&quot;:&quot;Screenshot&quot;,&quot;created_timestamp&quot;:&quot;0&quot;,&quot;copyright&quot;:&quot;&quot;,&quot;focal_length&quot;:&quot;0&quot;,&quot;iso&quot;:&quot;0&quot;,&quot;shutter_speed&quot;:&quot;0&quot;,&quot;title&quot;:&quot;Screenshot&quot;,&quot;orientation&quot;:&quot;1&quot;}\" data-image-title=\"Screenshot\" data-image-description=\"\" data-medium-file=\"https:\/\/i0.wp.com\/itayachtscanada.com\/wp-content\/uploads\/2024\/06\/Capture-decran-le-2024-06-08-a-13.05.48.jpg?fit=300%2C200&#038;ssl=1\" data-large-file=\"https:\/\/i0.wp.com\/itayachtscanada.com\/wp-content\/uploads\/2024\/06\/Capture-decran-le-2024-06-08-a-13.05.48.jpg?fit=700%2C466&#038;ssl=1\" src=\"https:\/\/i0.wp.com\/itayachtscanada.com\/wp-content\/uploads\/2024\/06\/Capture-decran-le-2024-06-08-a-13.05.48.jpg?w=346&#038;h=230&#038;ssl=1\" srcset=\"https:\/\/i0.wp.com\/itayachtscanada.com\/wp-content\/uploads\/2024\/06\/Capture-decran-le-2024-06-08-a-13.05.48.jpg?w=1660&amp;ssl=1 1660w, https:\/\/i0.wp.com\/itayachtscanada.com\/wp-content\/uploads\/2024\/06\/Capture-decran-le-2024-06-08-a-13.05.48.jpg?resize=300%2C200&amp;ssl=1 300w, https:\/\/i0.wp.com\/itayachtscanada.com\/wp-content\/uploads\/2024\/06\/Capture-decran-le-2024-06-08-a-13.05.48.jpg?resize=1024%2C681&amp;ssl=1 1024w, https:\/\/i0.wp.com\/itayachtscanada.com\/wp-content\/uploads\/2024\/06\/Capture-decran-le-2024-06-08-a-13.05.48.jpg?resize=768%2C511&amp;ssl=1 768w, https:\/\/i0.wp.com\/itayachtscanada.com\/wp-content\/uploads\/2024\/06\/Capture-decran-le-2024-06-08-a-13.05.48.jpg?resize=1536%2C1022&amp;ssl=1 1536w, https:\/\/i0.wp.com\/itayachtscanada.com\/wp-content\/uploads\/2024\/06\/Capture-decran-le-2024-06-08-a-13.05.48.jpg?resize=1200%2C798&amp;ssl=1 1200w, https:\/\/i0.wp.com\/itayachtscanada.com\/wp-content\/uploads\/2024\/06\/Capture-decran-le-2024-06-08-a-13.05.48.jpg?resize=700%2C466&amp;ssl=1 700w, https:\/\/i0.wp.com\/itayachtscanada.com\/wp-content\/uploads\/2024\/06\/Capture-decran-le-2024-06-08-a-13.05.48.jpg?resize=900%2C600&amp;ssl=1 900w, https:\/\/i0.wp.com\/itayachtscanada.com\/wp-content\/uploads\/2024\/06\/Capture-decran-le-2024-06-08-a-13.05.48.jpg?resize=601%2C400&amp;ssl=1 601w, https:\/\/i0.wp.com\/itayachtscanada.com\/wp-content\/uploads\/2024\/06\/Capture-decran-le-2024-06-08-a-13.05.48.jpg?w=1400&amp;ssl=1 1400w\" width=\"346\" height=\"230\" loading=\"lazy\" data-original-width=\"346\" data-original-height=\"230\" itemprop=\"http:\/\/schema.org\/image\" title=\"Screenshot\" alt=\"Screenshot\" style=\"width: 346px; height: 230px;\" \/> <\/a> <\/div> <\/div> <!-- close group --> <div class=\"gallery-group images-1\" style=\"width: 350px; height: 234px;\" data-original-width=\"350\" data-original-height=\"234\" > <div class=\"tiled-gallery-item tiled-gallery-item-large\" itemprop=\"associatedMedia\" itemscope itemtype=\"http:\/\/schema.org\/ImageObject\"> <a href=\"https:\/\/itayachtscanada.com\/fr\/listing\/sunseeker-95-yacht-2023-9499000-usd-for-sale\/screenshot-3872\/\" border=\"0\" itemprop=\"url\"> <meta itemprop=\"width\" content=\"346\"> <meta itemprop=\"height\" content=\"230\"> <img decoding=\"async\" class=\"\" data-attachment-id=\"165598\" data-orig-file=\"https:\/\/itayachtscanada.com\/wp-content\/uploads\/2024\/06\/Capture-decran-le-2024-06-08-a-13.05.45.jpg\" data-orig-size=\"1660,1104\" data-comments-opened=\"1\" data-image-meta=\"{&quot;aperture&quot;:&quot;0&quot;,&quot;credit&quot;:&quot;&quot;,&quot;camera&quot;:&quot;&quot;,&quot;caption&quot;:&quot;Screenshot&quot;,&quot;created_timestamp&quot;:&quot;0&quot;,&quot;copyright&quot;:&quot;&quot;,&quot;focal_length&quot;:&quot;0&quot;,&quot;iso&quot;:&quot;0&quot;,&quot;shutter_speed&quot;:&quot;0&quot;,&quot;title&quot;:&quot;Screenshot&quot;,&quot;orientation&quot;:&quot;1&quot;}\" data-image-title=\"Screenshot\" data-image-description=\"\" data-medium-file=\"https:\/\/i0.wp.com\/itayachtscanada.com\/wp-content\/uploads\/2024\/06\/Capture-decran-le-2024-06-08-a-13.05.45.jpg?fit=300%2C200&#038;ssl=1\" data-large-file=\"https:\/\/i0.wp.com\/itayachtscanada.com\/wp-content\/uploads\/2024\/06\/Capture-decran-le-2024-06-08-a-13.05.45.jpg?fit=700%2C466&#038;ssl=1\" src=\"https:\/\/i0.wp.com\/itayachtscanada.com\/wp-content\/uploads\/2024\/06\/Capture-decran-le-2024-06-08-a-13.05.45.jpg?w=346&#038;h=230&#038;ssl=1\" srcset=\"https:\/\/i0.wp.com\/itayachtscanada.com\/wp-content\/uploads\/2024\/06\/Capture-decran-le-2024-06-08-a-13.05.45.jpg?w=1660&amp;ssl=1 1660w, https:\/\/i0.wp.com\/itayachtscanada.com\/wp-content\/uploads\/2024\/06\/Capture-decran-le-2024-06-08-a-13.05.45.jpg?resize=300%2C200&amp;ssl=1 300w, https:\/\/i0.wp.com\/itayachtscanada.com\/wp-content\/uploads\/2024\/06\/Capture-decran-le-2024-06-08-a-13.05.45.jpg?resize=1024%2C681&amp;ssl=1 1024w, https:\/\/i0.wp.com\/itayachtscanada.com\/wp-content\/uploads\/2024\/06\/Capture-decran-le-2024-06-08-a-13.05.45.jpg?resize=768%2C511&amp;ssl=1 768w, https:\/\/i0.wp.com\/itayachtscanada.com\/wp-content\/uploads\/2024\/06\/Capture-decran-le-2024-06-08-a-13.05.45.jpg?resize=1536%2C1022&amp;ssl=1 1536w, https:\/\/i0.wp.com\/itayachtscanada.com\/wp-content\/uploads\/2024\/06\/Capture-decran-le-2024-06-08-a-13.05.45.jpg?resize=1200%2C798&amp;ssl=1 1200w, https:\/\/i0.wp.com\/itayachtscanada.com\/wp-content\/uploads\/2024\/06\/Capture-decran-le-2024-06-08-a-13.05.45.jpg?resize=700%2C466&amp;ssl=1 700w, https:\/\/i0.wp.com\/itayachtscanada.com\/wp-content\/uploads\/2024\/06\/Capture-decran-le-2024-06-08-a-13.05.45.jpg?resize=900%2C600&amp;ssl=1 900w, https:\/\/i0.wp.com\/itayachtscanada.com\/wp-content\/uploads\/2024\/06\/Capture-decran-le-2024-06-08-a-13.05.45.jpg?resize=601%2C400&amp;ssl=1 601w, https:\/\/i0.wp.com\/itayachtscanada.com\/wp-content\/uploads\/2024\/06\/Capture-decran-le-2024-06-08-a-13.05.45.jpg?w=1400&amp;ssl=1 1400w\" width=\"346\" height=\"230\" loading=\"lazy\" data-original-width=\"346\" data-original-height=\"230\" itemprop=\"http:\/\/schema.org\/image\" title=\"Screenshot\" alt=\"Screenshot\" style=\"width: 346px; height: 230px;\" \/> <\/a> <\/div> <\/div> <!-- close group --> <\/div> <!-- close row --> <div class=\"gallery-row\" style=\"width: 700px; height: 216px;\" data-original-width=\"700\" data-original-height=\"216\" > <div class=\"gallery-group images-1\" style=\"width: 700px; height: 216px;\" data-original-width=\"700\" data-original-height=\"216\" > <div class=\"tiled-gallery-item tiled-gallery-item-large\" itemprop=\"associatedMedia\" itemscope itemtype=\"http:\/\/schema.org\/ImageObject\"> <a href=\"https:\/\/itayachtscanada.com\/fr\/listing\/sunseeker-95-yacht-2023-9499000-usd-for-sale\/screenshot-3887\/\" border=\"0\" itemprop=\"url\"> <meta itemprop=\"width\" content=\"696\"> <meta itemprop=\"height\" content=\"212\"> <img decoding=\"async\" class=\"\" data-attachment-id=\"165613\" data-orig-file=\"https:\/\/itayachtscanada.com\/wp-content\/uploads\/2024\/06\/Profil-Sunseeker-95-Yacht.jpg\" data-orig-size=\"1124,342\" data-comments-opened=\"1\" data-image-meta=\"{&quot;aperture&quot;:&quot;0&quot;,&quot;credit&quot;:&quot;&quot;,&quot;camera&quot;:&quot;&quot;,&quot;caption&quot;:&quot;Screenshot&quot;,&quot;created_timestamp&quot;:&quot;0&quot;,&quot;copyright&quot;:&quot;&quot;,&quot;focal_length&quot;:&quot;0&quot;,&quot;iso&quot;:&quot;0&quot;,&quot;shutter_speed&quot;:&quot;0&quot;,&quot;title&quot;:&quot;Screenshot&quot;,&quot;orientation&quot;:&quot;1&quot;}\" data-image-title=\"Screenshot\" data-image-description=\"\" data-medium-file=\"https:\/\/i0.wp.com\/itayachtscanada.com\/wp-content\/uploads\/2024\/06\/Profil-Sunseeker-95-Yacht.jpg?fit=300%2C91&#038;ssl=1\" data-large-file=\"https:\/\/i0.wp.com\/itayachtscanada.com\/wp-content\/uploads\/2024\/06\/Profil-Sunseeker-95-Yacht.jpg?fit=700%2C213&#038;ssl=1\" src=\"https:\/\/i0.wp.com\/itayachtscanada.com\/wp-content\/uploads\/2024\/06\/Profil-Sunseeker-95-Yacht.jpg?w=696&#038;h=212&#038;ssl=1\" srcset=\"https:\/\/i0.wp.com\/itayachtscanada.com\/wp-content\/uploads\/2024\/06\/Profil-Sunseeker-95-Yacht.jpg?w=1124&amp;ssl=1 1124w, https:\/\/i0.wp.com\/itayachtscanada.com\/wp-content\/uploads\/2024\/06\/Profil-Sunseeker-95-Yacht.jpg?resize=300%2C91&amp;ssl=1 300w, https:\/\/i0.wp.com\/itayachtscanada.com\/wp-content\/uploads\/2024\/06\/Profil-Sunseeker-95-Yacht.jpg?resize=1024%2C312&amp;ssl=1 1024w, https:\/\/i0.wp.com\/itayachtscanada.com\/wp-content\/uploads\/2024\/06\/Profil-Sunseeker-95-Yacht.jpg?resize=768%2C234&amp;ssl=1 768w, https:\/\/i0.wp.com\/itayachtscanada.com\/wp-content\/uploads\/2024\/06\/Profil-Sunseeker-95-Yacht.jpg?resize=700%2C213&amp;ssl=1 700w\" width=\"696\" height=\"212\" loading=\"lazy\" data-original-width=\"696\" data-original-height=\"212\" itemprop=\"http:\/\/schema.org\/image\" title=\"Screenshot\" alt=\"Sunseeker 95 Yacht 2023\" style=\"width: 696px; height: 212px;\" \/> <\/a> <div class=\"tiled-gallery-caption\" itemprop=\"caption description\"> Sunseeker 95 Yacht 2023 <\/div> <\/div> <\/div> <!-- close group --> <\/div> <!-- close row --> <div class=\"gallery-row\" style=\"width: 700px; height: 400px;\" data-original-width=\"700\" data-original-height=\"400\" > <div class=\"gallery-group images-1\" style=\"width: 401px; height: 400px;\" data-original-width=\"401\" data-original-height=\"400\" > <div class=\"tiled-gallery-item tiled-gallery-item-large\" itemprop=\"associatedMedia\" itemscope itemtype=\"http:\/\/schema.org\/ImageObject\"> <a href=\"https:\/\/itayachtscanada.com\/fr\/listing\/sunseeker-95-yacht-2023-9499000-usd-for-sale\/screenshot-3888\/\" border=\"0\" itemprop=\"url\"> <meta itemprop=\"width\" content=\"397\"> <meta itemprop=\"height\" content=\"396\"> <img decoding=\"async\" class=\"\" data-attachment-id=\"165614\" data-orig-file=\"https:\/\/itayachtscanada.com\/wp-content\/uploads\/2024\/06\/Layout-Sunseeker-95-Yacht.jpg\" data-orig-size=\"1210,1206\" data-comments-opened=\"1\" data-image-meta=\"{&quot;aperture&quot;:&quot;0&quot;,&quot;credit&quot;:&quot;&quot;,&quot;camera&quot;:&quot;&quot;,&quot;caption&quot;:&quot;Screenshot&quot;,&quot;created_timestamp&quot;:&quot;0&quot;,&quot;copyright&quot;:&quot;&quot;,&quot;focal_length&quot;:&quot;0&quot;,&quot;iso&quot;:&quot;0&quot;,&quot;shutter_speed&quot;:&quot;0&quot;,&quot;title&quot;:&quot;Screenshot&quot;,&quot;orientation&quot;:&quot;1&quot;}\" data-image-title=\"Screenshot\" data-image-description=\"\" data-medium-file=\"https:\/\/i0.wp.com\/itayachtscanada.com\/wp-content\/uploads\/2024\/06\/Layout-Sunseeker-95-Yacht.jpg?fit=300%2C300&#038;ssl=1\" data-large-file=\"https:\/\/i0.wp.com\/itayachtscanada.com\/wp-content\/uploads\/2024\/06\/Layout-Sunseeker-95-Yacht.jpg?fit=700%2C698&#038;ssl=1\" src=\"https:\/\/i0.wp.com\/itayachtscanada.com\/wp-content\/uploads\/2024\/06\/Layout-Sunseeker-95-Yacht.jpg?w=397&#038;h=396&#038;ssl=1\" srcset=\"https:\/\/i0.wp.com\/itayachtscanada.com\/wp-content\/uploads\/2024\/06\/Layout-Sunseeker-95-Yacht.jpg?w=1210&amp;ssl=1 1210w, https:\/\/i0.wp.com\/itayachtscanada.com\/wp-content\/uploads\/2024\/06\/Layout-Sunseeker-95-Yacht.jpg?resize=300%2C300&amp;ssl=1 300w, https:\/\/i0.wp.com\/itayachtscanada.com\/wp-content\/uploads\/2024\/06\/Layout-Sunseeker-95-Yacht.jpg?resize=1024%2C1021&amp;ssl=1 1024w, https:\/\/i0.wp.com\/itayachtscanada.com\/wp-content\/uploads\/2024\/06\/Layout-Sunseeker-95-Yacht.jpg?resize=150%2C150&amp;ssl=1 150w, https:\/\/i0.wp.com\/itayachtscanada.com\/wp-content\/uploads\/2024\/06\/Layout-Sunseeker-95-Yacht.jpg?resize=768%2C765&amp;ssl=1 768w, https:\/\/i0.wp.com\/itayachtscanada.com\/wp-content\/uploads\/2024\/06\/Layout-Sunseeker-95-Yacht.jpg?resize=60%2C60&amp;ssl=1 60w, https:\/\/i0.wp.com\/itayachtscanada.com\/wp-content\/uploads\/2024\/06\/Layout-Sunseeker-95-Yacht.jpg?resize=80%2C80&amp;ssl=1 80w, https:\/\/i0.wp.com\/itayachtscanada.com\/wp-content\/uploads\/2024\/06\/Layout-Sunseeker-95-Yacht.jpg?resize=1200%2C1196&amp;ssl=1 1200w, https:\/\/i0.wp.com\/itayachtscanada.com\/wp-content\/uploads\/2024\/06\/Layout-Sunseeker-95-Yacht.jpg?resize=800%2C800&amp;ssl=1 800w, https:\/\/i0.wp.com\/itayachtscanada.com\/wp-content\/uploads\/2024\/06\/Layout-Sunseeker-95-Yacht.jpg?resize=600%2C600&amp;ssl=1 600w, https:\/\/i0.wp.com\/itayachtscanada.com\/wp-content\/uploads\/2024\/06\/Layout-Sunseeker-95-Yacht.jpg?resize=400%2C400&amp;ssl=1 400w, https:\/\/i0.wp.com\/itayachtscanada.com\/wp-content\/uploads\/2024\/06\/Layout-Sunseeker-95-Yacht.jpg?resize=200%2C200&amp;ssl=1 200w, https:\/\/i0.wp.com\/itayachtscanada.com\/wp-content\/uploads\/2024\/06\/Layout-Sunseeker-95-Yacht.jpg?resize=700%2C698&amp;ssl=1 700w, https:\/\/i0.wp.com\/itayachtscanada.com\/wp-content\/uploads\/2024\/06\/Layout-Sunseeker-95-Yacht.jpg?resize=100%2C100&amp;ssl=1 100w, https:\/\/i0.wp.com\/itayachtscanada.com\/wp-content\/uploads\/2024\/06\/Layout-Sunseeker-95-Yacht.jpg?resize=401%2C400&amp;ssl=1 401w, https:\/\/i0.wp.com\/itayachtscanada.com\/wp-content\/uploads\/2024\/06\/Layout-Sunseeker-95-Yacht.jpg?resize=50%2C50&amp;ssl=1 50w\" width=\"397\" height=\"396\" loading=\"lazy\" data-original-width=\"397\" data-original-height=\"396\" itemprop=\"http:\/\/schema.org\/image\" title=\"Screenshot\" alt=\"Sunseeker 95 Yacht 2023\" style=\"width: 397px; height: 396px;\" \/> <\/a> <div class=\"tiled-gallery-caption\" itemprop=\"caption description\"> Sunseeker 95 Yacht 2023 <\/div> <\/div> <\/div> <!-- close group --> <div class=\"gallery-group images-2\" style=\"width: 299px; height: 400px;\" data-original-width=\"299\" data-original-height=\"400\" > <div class=\"tiled-gallery-item tiled-gallery-item-large\" itemprop=\"associatedMedia\" itemscope itemtype=\"http:\/\/schema.org\/ImageObject\"> <a href=\"https:\/\/itayachtscanada.com\/fr\/listing\/sunseeker-95-yacht-2023-9499000-usd-for-sale\/screenshot-3876\/\" border=\"0\" itemprop=\"url\"> <meta itemprop=\"width\" content=\"295\"> <meta itemprop=\"height\" content=\"196\"> <img decoding=\"async\" class=\"\" data-attachment-id=\"165602\" data-orig-file=\"https:\/\/itayachtscanada.com\/wp-content\/uploads\/2024\/06\/Capture-decran-le-2024-06-08-a-13.05.31.jpg\" data-orig-size=\"1660,1104\" data-comments-opened=\"1\" data-image-meta=\"{&quot;aperture&quot;:&quot;0&quot;,&quot;credit&quot;:&quot;&quot;,&quot;camera&quot;:&quot;&quot;,&quot;caption&quot;:&quot;Screenshot&quot;,&quot;created_timestamp&quot;:&quot;0&quot;,&quot;copyright&quot;:&quot;&quot;,&quot;focal_length&quot;:&quot;0&quot;,&quot;iso&quot;:&quot;0&quot;,&quot;shutter_speed&quot;:&quot;0&quot;,&quot;title&quot;:&quot;Screenshot&quot;,&quot;orientation&quot;:&quot;1&quot;}\" data-image-title=\"Screenshot\" data-image-description=\"\" data-medium-file=\"https:\/\/i0.wp.com\/itayachtscanada.com\/wp-content\/uploads\/2024\/06\/Capture-decran-le-2024-06-08-a-13.05.31.jpg?fit=300%2C200&#038;ssl=1\" data-large-file=\"https:\/\/i0.wp.com\/itayachtscanada.com\/wp-content\/uploads\/2024\/06\/Capture-decran-le-2024-06-08-a-13.05.31.jpg?fit=700%2C466&#038;ssl=1\" src=\"https:\/\/i0.wp.com\/itayachtscanada.com\/wp-content\/uploads\/2024\/06\/Capture-decran-le-2024-06-08-a-13.05.31.jpg?w=295&#038;h=196&#038;ssl=1\" srcset=\"https:\/\/i0.wp.com\/itayachtscanada.com\/wp-content\/uploads\/2024\/06\/Capture-decran-le-2024-06-08-a-13.05.31.jpg?w=1660&amp;ssl=1 1660w, https:\/\/i0.wp.com\/itayachtscanada.com\/wp-content\/uploads\/2024\/06\/Capture-decran-le-2024-06-08-a-13.05.31.jpg?resize=300%2C200&amp;ssl=1 300w, https:\/\/i0.wp.com\/itayachtscanada.com\/wp-content\/uploads\/2024\/06\/Capture-decran-le-2024-06-08-a-13.05.31.jpg?resize=1024%2C681&amp;ssl=1 1024w, https:\/\/i0.wp.com\/itayachtscanada.com\/wp-content\/uploads\/2024\/06\/Capture-decran-le-2024-06-08-a-13.05.31.jpg?resize=768%2C511&amp;ssl=1 768w, https:\/\/i0.wp.com\/itayachtscanada.com\/wp-content\/uploads\/2024\/06\/Capture-decran-le-2024-06-08-a-13.05.31.jpg?resize=1536%2C1022&amp;ssl=1 1536w, https:\/\/i0.wp.com\/itayachtscanada.com\/wp-content\/uploads\/2024\/06\/Capture-decran-le-2024-06-08-a-13.05.31.jpg?resize=1200%2C798&amp;ssl=1 1200w, https:\/\/i0.wp.com\/itayachtscanada.com\/wp-content\/uploads\/2024\/06\/Capture-decran-le-2024-06-08-a-13.05.31.jpg?resize=700%2C466&amp;ssl=1 700w, https:\/\/i0.wp.com\/itayachtscanada.com\/wp-content\/uploads\/2024\/06\/Capture-decran-le-2024-06-08-a-13.05.31.jpg?resize=900%2C600&amp;ssl=1 900w, https:\/\/i0.wp.com\/itayachtscanada.com\/wp-content\/uploads\/2024\/06\/Capture-decran-le-2024-06-08-a-13.05.31.jpg?resize=601%2C400&amp;ssl=1 601w, https:\/\/i0.wp.com\/itayachtscanada.com\/wp-content\/uploads\/2024\/06\/Capture-decran-le-2024-06-08-a-13.05.31.jpg?w=1400&amp;ssl=1 1400w\" width=\"295\" height=\"196\" loading=\"lazy\" data-original-width=\"295\" data-original-height=\"196\" itemprop=\"http:\/\/schema.org\/image\" title=\"Screenshot\" alt=\"Sunseeker 95 Yacht 2023\" style=\"width: 295px; height: 196px;\" \/> <\/a> <div class=\"tiled-gallery-caption\" itemprop=\"caption description\"> Sunseeker 95 Yacht 2023 <\/div> <\/div> <div class=\"tiled-gallery-item tiled-gallery-item-large\" itemprop=\"associatedMedia\" itemscope itemtype=\"http:\/\/schema.org\/ImageObject\"> <a href=\"https:\/\/itayachtscanada.com\/fr\/listing\/sunseeker-95-yacht-2023-9499000-usd-for-sale\/screenshot-3877\/\" border=\"0\" itemprop=\"url\"> <meta itemprop=\"width\" content=\"295\"> <meta itemprop=\"height\" content=\"196\"> <img decoding=\"async\" class=\"\" data-attachment-id=\"165603\" data-orig-file=\"https:\/\/itayachtscanada.com\/wp-content\/uploads\/2024\/06\/Capture-decran-le-2024-06-08-a-13.05.28.jpg\" data-orig-size=\"1660,1104\" data-comments-opened=\"1\" data-image-meta=\"{&quot;aperture&quot;:&quot;0&quot;,&quot;credit&quot;:&quot;&quot;,&quot;camera&quot;:&quot;&quot;,&quot;caption&quot;:&quot;Screenshot&quot;,&quot;created_timestamp&quot;:&quot;0&quot;,&quot;copyright&quot;:&quot;&quot;,&quot;focal_length&quot;:&quot;0&quot;,&quot;iso&quot;:&quot;0&quot;,&quot;shutter_speed&quot;:&quot;0&quot;,&quot;title&quot;:&quot;Screenshot&quot;,&quot;orientation&quot;:&quot;1&quot;}\" data-image-title=\"Screenshot\" data-image-description=\"\" data-medium-file=\"https:\/\/i0.wp.com\/itayachtscanada.com\/wp-content\/uploads\/2024\/06\/Capture-decran-le-2024-06-08-a-13.05.28.jpg?fit=300%2C200&#038;ssl=1\" data-large-file=\"https:\/\/i0.wp.com\/itayachtscanada.com\/wp-content\/uploads\/2024\/06\/Capture-decran-le-2024-06-08-a-13.05.28.jpg?fit=700%2C466&#038;ssl=1\" src=\"https:\/\/i0.wp.com\/itayachtscanada.com\/wp-content\/uploads\/2024\/06\/Capture-decran-le-2024-06-08-a-13.05.28.jpg?w=295&#038;h=196&#038;ssl=1\" srcset=\"https:\/\/i0.wp.com\/itayachtscanada.com\/wp-content\/uploads\/2024\/06\/Capture-decran-le-2024-06-08-a-13.05.28.jpg?w=1660&amp;ssl=1 1660w, https:\/\/i0.wp.com\/itayachtscanada.com\/wp-content\/uploads\/2024\/06\/Capture-decran-le-2024-06-08-a-13.05.28.jpg?resize=300%2C200&amp;ssl=1 300w, https:\/\/i0.wp.com\/itayachtscanada.com\/wp-content\/uploads\/2024\/06\/Capture-decran-le-2024-06-08-a-13.05.28.jpg?resize=1024%2C681&amp;ssl=1 1024w, https:\/\/i0.wp.com\/itayachtscanada.com\/wp-content\/uploads\/2024\/06\/Capture-decran-le-2024-06-08-a-13.05.28.jpg?resize=768%2C511&amp;ssl=1 768w, https:\/\/i0.wp.com\/itayachtscanada.com\/wp-content\/uploads\/2024\/06\/Capture-decran-le-2024-06-08-a-13.05.28.jpg?resize=1536%2C1022&amp;ssl=1 1536w, https:\/\/i0.wp.com\/itayachtscanada.com\/wp-content\/uploads\/2024\/06\/Capture-decran-le-2024-06-08-a-13.05.28.jpg?resize=1200%2C798&amp;ssl=1 1200w, https:\/\/i0.wp.com\/itayachtscanada.com\/wp-content\/uploads\/2024\/06\/Capture-decran-le-2024-06-08-a-13.05.28.jpg?resize=700%2C466&amp;ssl=1 700w, https:\/\/i0.wp.com\/itayachtscanada.com\/wp-content\/uploads\/2024\/06\/Capture-decran-le-2024-06-08-a-13.05.28.jpg?resize=900%2C600&amp;ssl=1 900w, https:\/\/i0.wp.com\/itayachtscanada.com\/wp-content\/uploads\/2024\/06\/Capture-decran-le-2024-06-08-a-13.05.28.jpg?resize=601%2C400&amp;ssl=1 601w, https:\/\/i0.wp.com\/itayachtscanada.com\/wp-content\/uploads\/2024\/06\/Capture-decran-le-2024-06-08-a-13.05.28.jpg?w=1400&amp;ssl=1 1400w\" width=\"295\" height=\"196\" loading=\"lazy\" data-original-width=\"295\" data-original-height=\"196\" itemprop=\"http:\/\/schema.org\/image\" title=\"Screenshot\" alt=\"Screenshot\" style=\"width: 295px; height: 196px;\" \/> <\/a> <\/div> <\/div> <!-- close group --> <\/div> <!-- close row --> <div class=\"gallery-row\" style=\"width: 700px; height: 157px;\" data-original-width=\"700\" data-original-height=\"157\" > <div class=\"gallery-group images-1\" style=\"width: 234px; height: 157px;\" data-original-width=\"234\" data-original-height=\"157\" > <div class=\"tiled-gallery-item tiled-gallery-item-small\" itemprop=\"associatedMedia\" itemscope itemtype=\"http:\/\/schema.org\/ImageObject\"> <a href=\"https:\/\/itayachtscanada.com\/fr\/listing\/sunseeker-95-yacht-2023-9499000-usd-for-sale\/screenshot-3878\/\" border=\"0\" itemprop=\"url\"> <meta itemprop=\"width\" content=\"230\"> <meta itemprop=\"height\" content=\"153\"> <img decoding=\"async\" class=\"\" data-attachment-id=\"165604\" data-orig-file=\"https:\/\/itayachtscanada.com\/wp-content\/uploads\/2024\/06\/Capture-decran-le-2024-06-08-a-13.05.25.jpg\" data-orig-size=\"1660,1104\" data-comments-opened=\"1\" data-image-meta=\"{&quot;aperture&quot;:&quot;0&quot;,&quot;credit&quot;:&quot;&quot;,&quot;camera&quot;:&quot;&quot;,&quot;caption&quot;:&quot;Screenshot&quot;,&quot;created_timestamp&quot;:&quot;0&quot;,&quot;copyright&quot;:&quot;&quot;,&quot;focal_length&quot;:&quot;0&quot;,&quot;iso&quot;:&quot;0&quot;,&quot;shutter_speed&quot;:&quot;0&quot;,&quot;title&quot;:&quot;Screenshot&quot;,&quot;orientation&quot;:&quot;1&quot;}\" data-image-title=\"Screenshot\" data-image-description=\"\" data-medium-file=\"https:\/\/i0.wp.com\/itayachtscanada.com\/wp-content\/uploads\/2024\/06\/Capture-decran-le-2024-06-08-a-13.05.25.jpg?fit=300%2C200&#038;ssl=1\" data-large-file=\"https:\/\/i0.wp.com\/itayachtscanada.com\/wp-content\/uploads\/2024\/06\/Capture-decran-le-2024-06-08-a-13.05.25.jpg?fit=700%2C466&#038;ssl=1\" src=\"https:\/\/i0.wp.com\/itayachtscanada.com\/wp-content\/uploads\/2024\/06\/Capture-decran-le-2024-06-08-a-13.05.25.jpg?w=230&#038;h=153&#038;ssl=1\" srcset=\"https:\/\/i0.wp.com\/itayachtscanada.com\/wp-content\/uploads\/2024\/06\/Capture-decran-le-2024-06-08-a-13.05.25.jpg?w=1660&amp;ssl=1 1660w, https:\/\/i0.wp.com\/itayachtscanada.com\/wp-content\/uploads\/2024\/06\/Capture-decran-le-2024-06-08-a-13.05.25.jpg?resize=300%2C200&amp;ssl=1 300w, https:\/\/i0.wp.com\/itayachtscanada.com\/wp-content\/uploads\/2024\/06\/Capture-decran-le-2024-06-08-a-13.05.25.jpg?resize=1024%2C681&amp;ssl=1 1024w, https:\/\/i0.wp.com\/itayachtscanada.com\/wp-content\/uploads\/2024\/06\/Capture-decran-le-2024-06-08-a-13.05.25.jpg?resize=768%2C511&amp;ssl=1 768w, https:\/\/i0.wp.com\/itayachtscanada.com\/wp-content\/uploads\/2024\/06\/Capture-decran-le-2024-06-08-a-13.05.25.jpg?resize=1536%2C1022&amp;ssl=1 1536w, https:\/\/i0.wp.com\/itayachtscanada.com\/wp-content\/uploads\/2024\/06\/Capture-decran-le-2024-06-08-a-13.05.25.jpg?resize=1200%2C798&amp;ssl=1 1200w, https:\/\/i0.wp.com\/itayachtscanada.com\/wp-content\/uploads\/2024\/06\/Capture-decran-le-2024-06-08-a-13.05.25.jpg?resize=700%2C466&amp;ssl=1 700w, https:\/\/i0.wp.com\/itayachtscanada.com\/wp-content\/uploads\/2024\/06\/Capture-decran-le-2024-06-08-a-13.05.25.jpg?resize=900%2C600&amp;ssl=1 900w, https:\/\/i0.wp.com\/itayachtscanada.com\/wp-content\/uploads\/2024\/06\/Capture-decran-le-2024-06-08-a-13.05.25.jpg?resize=601%2C400&amp;ssl=1 601w, https:\/\/i0.wp.com\/itayachtscanada.com\/wp-content\/uploads\/2024\/06\/Capture-decran-le-2024-06-08-a-13.05.25.jpg?w=1400&amp;ssl=1 1400w\" width=\"230\" height=\"153\" loading=\"lazy\" data-original-width=\"230\" data-original-height=\"153\" itemprop=\"http:\/\/schema.org\/image\" title=\"Screenshot\" alt=\"Screenshot\" style=\"width: 230px; height: 153px;\" \/> <\/a> <\/div> <\/div> <!-- close group --> <div class=\"gallery-group images-1\" style=\"width: 233px; height: 157px;\" data-original-width=\"233\" data-original-height=\"157\" > <div class=\"tiled-gallery-item tiled-gallery-item-small\" itemprop=\"associatedMedia\" itemscope itemtype=\"http:\/\/schema.org\/ImageObject\"> <a href=\"https:\/\/itayachtscanada.com\/fr\/listing\/sunseeker-95-yacht-2023-9499000-usd-for-sale\/screenshot-3879\/\" border=\"0\" itemprop=\"url\"> <meta itemprop=\"width\" content=\"229\"> <meta itemprop=\"height\" content=\"153\"> <img decoding=\"async\" class=\"\" data-attachment-id=\"165605\" data-orig-file=\"https:\/\/itayachtscanada.com\/wp-content\/uploads\/2024\/06\/Capture-decran-le-2024-06-08-a-13.05.22.jpg\" data-orig-size=\"1660,1104\" data-comments-opened=\"1\" data-image-meta=\"{&quot;aperture&quot;:&quot;0&quot;,&quot;credit&quot;:&quot;&quot;,&quot;camera&quot;:&quot;&quot;,&quot;caption&quot;:&quot;Screenshot&quot;,&quot;created_timestamp&quot;:&quot;0&quot;,&quot;copyright&quot;:&quot;&quot;,&quot;focal_length&quot;:&quot;0&quot;,&quot;iso&quot;:&quot;0&quot;,&quot;shutter_speed&quot;:&quot;0&quot;,&quot;title&quot;:&quot;Screenshot&quot;,&quot;orientation&quot;:&quot;1&quot;}\" data-image-title=\"Screenshot\" data-image-description=\"\" data-medium-file=\"https:\/\/i0.wp.com\/itayachtscanada.com\/wp-content\/uploads\/2024\/06\/Capture-decran-le-2024-06-08-a-13.05.22.jpg?fit=300%2C200&#038;ssl=1\" data-large-file=\"https:\/\/i0.wp.com\/itayachtscanada.com\/wp-content\/uploads\/2024\/06\/Capture-decran-le-2024-06-08-a-13.05.22.jpg?fit=700%2C466&#038;ssl=1\" src=\"https:\/\/i0.wp.com\/itayachtscanada.com\/wp-content\/uploads\/2024\/06\/Capture-decran-le-2024-06-08-a-13.05.22.jpg?w=229&#038;h=153&#038;ssl=1\" srcset=\"https:\/\/i0.wp.com\/itayachtscanada.com\/wp-content\/uploads\/2024\/06\/Capture-decran-le-2024-06-08-a-13.05.22.jpg?w=1660&amp;ssl=1 1660w, https:\/\/i0.wp.com\/itayachtscanada.com\/wp-content\/uploads\/2024\/06\/Capture-decran-le-2024-06-08-a-13.05.22.jpg?resize=300%2C200&amp;ssl=1 300w, https:\/\/i0.wp.com\/itayachtscanada.com\/wp-content\/uploads\/2024\/06\/Capture-decran-le-2024-06-08-a-13.05.22.jpg?resize=1024%2C681&amp;ssl=1 1024w, https:\/\/i0.wp.com\/itayachtscanada.com\/wp-content\/uploads\/2024\/06\/Capture-decran-le-2024-06-08-a-13.05.22.jpg?resize=768%2C511&amp;ssl=1 768w, https:\/\/i0.wp.com\/itayachtscanada.com\/wp-content\/uploads\/2024\/06\/Capture-decran-le-2024-06-08-a-13.05.22.jpg?resize=1536%2C1022&amp;ssl=1 1536w, https:\/\/i0.wp.com\/itayachtscanada.com\/wp-content\/uploads\/2024\/06\/Capture-decran-le-2024-06-08-a-13.05.22.jpg?resize=1200%2C798&amp;ssl=1 1200w, https:\/\/i0.wp.com\/itayachtscanada.com\/wp-content\/uploads\/2024\/06\/Capture-decran-le-2024-06-08-a-13.05.22.jpg?resize=700%2C466&amp;ssl=1 700w, https:\/\/i0.wp.com\/itayachtscanada.com\/wp-content\/uploads\/2024\/06\/Capture-decran-le-2024-06-08-a-13.05.22.jpg?resize=900%2C600&amp;ssl=1 900w, https:\/\/i0.wp.com\/itayachtscanada.com\/wp-content\/uploads\/2024\/06\/Capture-decran-le-2024-06-08-a-13.05.22.jpg?resize=601%2C400&amp;ssl=1 601w, https:\/\/i0.wp.com\/itayachtscanada.com\/wp-content\/uploads\/2024\/06\/Capture-decran-le-2024-06-08-a-13.05.22.jpg?w=1400&amp;ssl=1 1400w\" width=\"229\" height=\"153\" loading=\"lazy\" data-original-width=\"229\" data-original-height=\"153\" itemprop=\"http:\/\/schema.org\/image\" title=\"Screenshot\" alt=\"Screenshot\" style=\"width: 229px; height: 153px;\" \/> <\/a> <\/div> <\/div> <!-- close group --> <div class=\"gallery-group images-1\" style=\"width: 233px; height: 157px;\" data-original-width=\"233\" data-original-height=\"157\" > <div class=\"tiled-gallery-item tiled-gallery-item-small\" itemprop=\"associatedMedia\" itemscope itemtype=\"http:\/\/schema.org\/ImageObject\"> <a href=\"https:\/\/itayachtscanada.com\/fr\/listing\/sunseeker-95-yacht-2023-9499000-usd-for-sale\/screenshot-3880\/\" border=\"0\" itemprop=\"url\"> <meta itemprop=\"width\" content=\"229\"> <meta itemprop=\"height\" content=\"153\"> <img decoding=\"async\" class=\"\" data-attachment-id=\"165606\" data-orig-file=\"https:\/\/itayachtscanada.com\/wp-content\/uploads\/2024\/06\/Capture-decran-le-2024-06-08-a-13.05.19.jpg\" data-orig-size=\"1660,1104\" data-comments-opened=\"1\" data-image-meta=\"{&quot;aperture&quot;:&quot;0&quot;,&quot;credit&quot;:&quot;&quot;,&quot;camera&quot;:&quot;&quot;,&quot;caption&quot;:&quot;Screenshot&quot;,&quot;created_timestamp&quot;:&quot;0&quot;,&quot;copyright&quot;:&quot;&quot;,&quot;focal_length&quot;:&quot;0&quot;,&quot;iso&quot;:&quot;0&quot;,&quot;shutter_speed&quot;:&quot;0&quot;,&quot;title&quot;:&quot;Screenshot&quot;,&quot;orientation&quot;:&quot;1&quot;}\" data-image-title=\"Screenshot\" data-image-description=\"\" data-medium-file=\"https:\/\/i0.wp.com\/itayachtscanada.com\/wp-content\/uploads\/2024\/06\/Capture-decran-le-2024-06-08-a-13.05.19.jpg?fit=300%2C200&#038;ssl=1\" data-large-file=\"https:\/\/i0.wp.com\/itayachtscanada.com\/wp-content\/uploads\/2024\/06\/Capture-decran-le-2024-06-08-a-13.05.19.jpg?fit=700%2C466&#038;ssl=1\" src=\"https:\/\/i0.wp.com\/itayachtscanada.com\/wp-content\/uploads\/2024\/06\/Capture-decran-le-2024-06-08-a-13.05.19.jpg?w=229&#038;h=153&#038;ssl=1\" srcset=\"https:\/\/i0.wp.com\/itayachtscanada.com\/wp-content\/uploads\/2024\/06\/Capture-decran-le-2024-06-08-a-13.05.19.jpg?w=1660&amp;ssl=1 1660w, https:\/\/i0.wp.com\/itayachtscanada.com\/wp-content\/uploads\/2024\/06\/Capture-decran-le-2024-06-08-a-13.05.19.jpg?resize=300%2C200&amp;ssl=1 300w, https:\/\/i0.wp.com\/itayachtscanada.com\/wp-content\/uploads\/2024\/06\/Capture-decran-le-2024-06-08-a-13.05.19.jpg?resize=1024%2C681&amp;ssl=1 1024w, https:\/\/i0.wp.com\/itayachtscanada.com\/wp-content\/uploads\/2024\/06\/Capture-decran-le-2024-06-08-a-13.05.19.jpg?resize=768%2C511&amp;ssl=1 768w, https:\/\/i0.wp.com\/itayachtscanada.com\/wp-content\/uploads\/2024\/06\/Capture-decran-le-2024-06-08-a-13.05.19.jpg?resize=1536%2C1022&amp;ssl=1 1536w, https:\/\/i0.wp.com\/itayachtscanada.com\/wp-content\/uploads\/2024\/06\/Capture-decran-le-2024-06-08-a-13.05.19.jpg?resize=1200%2C798&amp;ssl=1 1200w, https:\/\/i0.wp.com\/itayachtscanada.com\/wp-content\/uploads\/2024\/06\/Capture-decran-le-2024-06-08-a-13.05.19.jpg?resize=700%2C466&amp;ssl=1 700w, https:\/\/i0.wp.com\/itayachtscanada.com\/wp-content\/uploads\/2024\/06\/Capture-decran-le-2024-06-08-a-13.05.19.jpg?resize=900%2C600&amp;ssl=1 900w, https:\/\/i0.wp.com\/itayachtscanada.com\/wp-content\/uploads\/2024\/06\/Capture-decran-le-2024-06-08-a-13.05.19.jpg?resize=601%2C400&amp;ssl=1 601w, https:\/\/i0.wp.com\/itayachtscanada.com\/wp-content\/uploads\/2024\/06\/Capture-decran-le-2024-06-08-a-13.05.19.jpg?w=1400&amp;ssl=1 1400w\" width=\"229\" height=\"153\" loading=\"lazy\" data-original-width=\"229\" data-original-height=\"153\" itemprop=\"http:\/\/schema.org\/image\" title=\"Screenshot\" alt=\"Screenshot\" style=\"width: 229px; height: 153px;\" \/> <\/a> <\/div> <\/div> <!-- close group --> <\/div> <!-- close row --> <div class=\"gallery-row\" style=\"width: 700px; height: 312px;\" data-original-width=\"700\" data-original-height=\"312\" > <div class=\"gallery-group images-2\" style=\"width: 233px; height: 312px;\" data-original-width=\"233\" data-original-height=\"312\" > <div class=\"tiled-gallery-item tiled-gallery-item-small\" itemprop=\"associatedMedia\" itemscope itemtype=\"http:\/\/schema.org\/ImageObject\"> <a href=\"https:\/\/itayachtscanada.com\/fr\/listing\/sunseeker-95-yacht-2023-9499000-usd-for-sale\/screenshot-3881\/\" border=\"0\" itemprop=\"url\"> <meta itemprop=\"width\" content=\"229\"> <meta itemprop=\"height\" content=\"152\"> <img decoding=\"async\" class=\"\" data-attachment-id=\"165607\" data-orig-file=\"https:\/\/itayachtscanada.com\/wp-content\/uploads\/2024\/06\/Capture-decran-le-2024-06-08-a-13.05.16.jpg\" data-orig-size=\"1660,1104\" data-comments-opened=\"1\" data-image-meta=\"{&quot;aperture&quot;:&quot;0&quot;,&quot;credit&quot;:&quot;&quot;,&quot;camera&quot;:&quot;&quot;,&quot;caption&quot;:&quot;Screenshot&quot;,&quot;created_timestamp&quot;:&quot;0&quot;,&quot;copyright&quot;:&quot;&quot;,&quot;focal_length&quot;:&quot;0&quot;,&quot;iso&quot;:&quot;0&quot;,&quot;shutter_speed&quot;:&quot;0&quot;,&quot;title&quot;:&quot;Screenshot&quot;,&quot;orientation&quot;:&quot;1&quot;}\" data-image-title=\"Screenshot\" data-image-description=\"\" data-medium-file=\"https:\/\/i0.wp.com\/itayachtscanada.com\/wp-content\/uploads\/2024\/06\/Capture-decran-le-2024-06-08-a-13.05.16.jpg?fit=300%2C200&#038;ssl=1\" data-large-file=\"https:\/\/i0.wp.com\/itayachtscanada.com\/wp-content\/uploads\/2024\/06\/Capture-decran-le-2024-06-08-a-13.05.16.jpg?fit=700%2C466&#038;ssl=1\" src=\"https:\/\/i0.wp.com\/itayachtscanada.com\/wp-content\/uploads\/2024\/06\/Capture-decran-le-2024-06-08-a-13.05.16.jpg?w=229&#038;h=152&#038;ssl=1\" srcset=\"https:\/\/i0.wp.com\/itayachtscanada.com\/wp-content\/uploads\/2024\/06\/Capture-decran-le-2024-06-08-a-13.05.16.jpg?w=1660&amp;ssl=1 1660w, https:\/\/i0.wp.com\/itayachtscanada.com\/wp-content\/uploads\/2024\/06\/Capture-decran-le-2024-06-08-a-13.05.16.jpg?resize=300%2C200&amp;ssl=1 300w, https:\/\/i0.wp.com\/itayachtscanada.com\/wp-content\/uploads\/2024\/06\/Capture-decran-le-2024-06-08-a-13.05.16.jpg?resize=1024%2C681&amp;ssl=1 1024w, https:\/\/i0.wp.com\/itayachtscanada.com\/wp-content\/uploads\/2024\/06\/Capture-decran-le-2024-06-08-a-13.05.16.jpg?resize=768%2C511&amp;ssl=1 768w, https:\/\/i0.wp.com\/itayachtscanada.com\/wp-content\/uploads\/2024\/06\/Capture-decran-le-2024-06-08-a-13.05.16.jpg?resize=1536%2C1022&amp;ssl=1 1536w, https:\/\/i0.wp.com\/itayachtscanada.com\/wp-content\/uploads\/2024\/06\/Capture-decran-le-2024-06-08-a-13.05.16.jpg?resize=1200%2C798&amp;ssl=1 1200w, https:\/\/i0.wp.com\/itayachtscanada.com\/wp-content\/uploads\/2024\/06\/Capture-decran-le-2024-06-08-a-13.05.16.jpg?resize=700%2C466&amp;ssl=1 700w, https:\/\/i0.wp.com\/itayachtscanada.com\/wp-content\/uploads\/2024\/06\/Capture-decran-le-2024-06-08-a-13.05.16.jpg?resize=900%2C600&amp;ssl=1 900w, https:\/\/i0.wp.com\/itayachtscanada.com\/wp-content\/uploads\/2024\/06\/Capture-decran-le-2024-06-08-a-13.05.16.jpg?resize=601%2C400&amp;ssl=1 601w, https:\/\/i0.wp.com\/itayachtscanada.com\/wp-content\/uploads\/2024\/06\/Capture-decran-le-2024-06-08-a-13.05.16.jpg?w=1400&amp;ssl=1 1400w\" width=\"229\" height=\"152\" loading=\"lazy\" data-original-width=\"229\" data-original-height=\"152\" itemprop=\"http:\/\/schema.org\/image\" title=\"Screenshot\" alt=\"Sunseeker 95 Yacht 2023\" style=\"width: 229px; height: 152px;\" \/> <\/a> <div class=\"tiled-gallery-caption\" itemprop=\"caption description\"> Sunseeker 95 Yacht 2023 <\/div> <\/div> <div class=\"tiled-gallery-item tiled-gallery-item-small\" itemprop=\"associatedMedia\" itemscope itemtype=\"http:\/\/schema.org\/ImageObject\"> <a href=\"https:\/\/itayachtscanada.com\/fr\/listing\/sunseeker-95-yacht-2023-9499000-usd-for-sale\/screenshot-3882\/\" border=\"0\" itemprop=\"url\"> <meta itemprop=\"width\" content=\"229\"> <meta itemprop=\"height\" content=\"152\"> <img decoding=\"async\" class=\"\" data-attachment-id=\"165608\" data-orig-file=\"https:\/\/itayachtscanada.com\/wp-content\/uploads\/2024\/06\/Capture-decran-le-2024-06-08-a-13.05.13.jpg\" data-orig-size=\"1660,1104\" data-comments-opened=\"1\" data-image-meta=\"{&quot;aperture&quot;:&quot;0&quot;,&quot;credit&quot;:&quot;&quot;,&quot;camera&quot;:&quot;&quot;,&quot;caption&quot;:&quot;Screenshot&quot;,&quot;created_timestamp&quot;:&quot;0&quot;,&quot;copyright&quot;:&quot;&quot;,&quot;focal_length&quot;:&quot;0&quot;,&quot;iso&quot;:&quot;0&quot;,&quot;shutter_speed&quot;:&quot;0&quot;,&quot;title&quot;:&quot;Screenshot&quot;,&quot;orientation&quot;:&quot;1&quot;}\" data-image-title=\"Screenshot\" data-image-description=\"\" data-medium-file=\"https:\/\/i0.wp.com\/itayachtscanada.com\/wp-content\/uploads\/2024\/06\/Capture-decran-le-2024-06-08-a-13.05.13.jpg?fit=300%2C200&#038;ssl=1\" data-large-file=\"https:\/\/i0.wp.com\/itayachtscanada.com\/wp-content\/uploads\/2024\/06\/Capture-decran-le-2024-06-08-a-13.05.13.jpg?fit=700%2C466&#038;ssl=1\" src=\"https:\/\/i0.wp.com\/itayachtscanada.com\/wp-content\/uploads\/2024\/06\/Capture-decran-le-2024-06-08-a-13.05.13.jpg?w=229&#038;h=152&#038;ssl=1\" srcset=\"https:\/\/i0.wp.com\/itayachtscanada.com\/wp-content\/uploads\/2024\/06\/Capture-decran-le-2024-06-08-a-13.05.13.jpg?w=1660&amp;ssl=1 1660w, https:\/\/i0.wp.com\/itayachtscanada.com\/wp-content\/uploads\/2024\/06\/Capture-decran-le-2024-06-08-a-13.05.13.jpg?resize=300%2C200&amp;ssl=1 300w, https:\/\/i0.wp.com\/itayachtscanada.com\/wp-content\/uploads\/2024\/06\/Capture-decran-le-2024-06-08-a-13.05.13.jpg?resize=1024%2C681&amp;ssl=1 1024w, https:\/\/i0.wp.com\/itayachtscanada.com\/wp-content\/uploads\/2024\/06\/Capture-decran-le-2024-06-08-a-13.05.13.jpg?resize=768%2C511&amp;ssl=1 768w, https:\/\/i0.wp.com\/itayachtscanada.com\/wp-content\/uploads\/2024\/06\/Capture-decran-le-2024-06-08-a-13.05.13.jpg?resize=1536%2C1022&amp;ssl=1 1536w, https:\/\/i0.wp.com\/itayachtscanada.com\/wp-content\/uploads\/2024\/06\/Capture-decran-le-2024-06-08-a-13.05.13.jpg?resize=1200%2C798&amp;ssl=1 1200w, https:\/\/i0.wp.com\/itayachtscanada.com\/wp-content\/uploads\/2024\/06\/Capture-decran-le-2024-06-08-a-13.05.13.jpg?resize=700%2C466&amp;ssl=1 700w, https:\/\/i0.wp.com\/itayachtscanada.com\/wp-content\/uploads\/2024\/06\/Capture-decran-le-2024-06-08-a-13.05.13.jpg?resize=900%2C600&amp;ssl=1 900w, https:\/\/i0.wp.com\/itayachtscanada.com\/wp-content\/uploads\/2024\/06\/Capture-decran-le-2024-06-08-a-13.05.13.jpg?resize=601%2C400&amp;ssl=1 601w, https:\/\/i0.wp.com\/itayachtscanada.com\/wp-content\/uploads\/2024\/06\/Capture-decran-le-2024-06-08-a-13.05.13.jpg?w=1400&amp;ssl=1 1400w\" width=\"229\" height=\"152\" loading=\"lazy\" data-original-width=\"229\" data-original-height=\"152\" itemprop=\"http:\/\/schema.org\/image\" title=\"Screenshot\" alt=\"Screenshot\" style=\"width: 229px; height: 152px;\" \/> <\/a> <\/div> <\/div> <!-- close group --> <div class=\"gallery-group images-1\" style=\"width: 467px; height: 312px;\" data-original-width=\"467\" data-original-height=\"312\" > <div class=\"tiled-gallery-item tiled-gallery-item-large\" itemprop=\"associatedMedia\" itemscope itemtype=\"http:\/\/schema.org\/ImageObject\"> <a href=\"https:\/\/itayachtscanada.com\/fr\/listing\/sunseeker-95-yacht-2023-9499000-usd-for-sale\/screenshot-3883\/\" border=\"0\" itemprop=\"url\"> <meta itemprop=\"width\" content=\"463\"> <meta itemprop=\"height\" content=\"308\"> <img decoding=\"async\" class=\"\" data-attachment-id=\"165609\" data-orig-file=\"https:\/\/itayachtscanada.com\/wp-content\/uploads\/2024\/06\/Capture-decran-le-2024-06-08-a-13.05.10.jpg\" data-orig-size=\"1660,1104\" data-comments-opened=\"1\" data-image-meta=\"{&quot;aperture&quot;:&quot;0&quot;,&quot;credit&quot;:&quot;&quot;,&quot;camera&quot;:&quot;&quot;,&quot;caption&quot;:&quot;Screenshot&quot;,&quot;created_timestamp&quot;:&quot;0&quot;,&quot;copyright&quot;:&quot;&quot;,&quot;focal_length&quot;:&quot;0&quot;,&quot;iso&quot;:&quot;0&quot;,&quot;shutter_speed&quot;:&quot;0&quot;,&quot;title&quot;:&quot;Screenshot&quot;,&quot;orientation&quot;:&quot;1&quot;}\" data-image-title=\"Screenshot\" data-image-description=\"\" data-medium-file=\"https:\/\/i0.wp.com\/itayachtscanada.com\/wp-content\/uploads\/2024\/06\/Capture-decran-le-2024-06-08-a-13.05.10.jpg?fit=300%2C200&#038;ssl=1\" data-large-file=\"https:\/\/i0.wp.com\/itayachtscanada.com\/wp-content\/uploads\/2024\/06\/Capture-decran-le-2024-06-08-a-13.05.10.jpg?fit=700%2C466&#038;ssl=1\" src=\"https:\/\/i0.wp.com\/itayachtscanada.com\/wp-content\/uploads\/2024\/06\/Capture-decran-le-2024-06-08-a-13.05.10.jpg?w=463&#038;h=308&#038;ssl=1\" srcset=\"https:\/\/i0.wp.com\/itayachtscanada.com\/wp-content\/uploads\/2024\/06\/Capture-decran-le-2024-06-08-a-13.05.10.jpg?w=1660&amp;ssl=1 1660w, https:\/\/i0.wp.com\/itayachtscanada.com\/wp-content\/uploads\/2024\/06\/Capture-decran-le-2024-06-08-a-13.05.10.jpg?resize=300%2C200&amp;ssl=1 300w, https:\/\/i0.wp.com\/itayachtscanada.com\/wp-content\/uploads\/2024\/06\/Capture-decran-le-2024-06-08-a-13.05.10.jpg?resize=1024%2C681&amp;ssl=1 1024w, https:\/\/i0.wp.com\/itayachtscanada.com\/wp-content\/uploads\/2024\/06\/Capture-decran-le-2024-06-08-a-13.05.10.jpg?resize=768%2C511&amp;ssl=1 768w, https:\/\/i0.wp.com\/itayachtscanada.com\/wp-content\/uploads\/2024\/06\/Capture-decran-le-2024-06-08-a-13.05.10.jpg?resize=1536%2C1022&amp;ssl=1 1536w, https:\/\/i0.wp.com\/itayachtscanada.com\/wp-content\/uploads\/2024\/06\/Capture-decran-le-2024-06-08-a-13.05.10.jpg?resize=1200%2C798&amp;ssl=1 1200w, https:\/\/i0.wp.com\/itayachtscanada.com\/wp-content\/uploads\/2024\/06\/Capture-decran-le-2024-06-08-a-13.05.10.jpg?resize=700%2C466&amp;ssl=1 700w, https:\/\/i0.wp.com\/itayachtscanada.com\/wp-content\/uploads\/2024\/06\/Capture-decran-le-2024-06-08-a-13.05.10.jpg?resize=900%2C600&amp;ssl=1 900w, https:\/\/i0.wp.com\/itayachtscanada.com\/wp-content\/uploads\/2024\/06\/Capture-decran-le-2024-06-08-a-13.05.10.jpg?resize=601%2C400&amp;ssl=1 601w, https:\/\/i0.wp.com\/itayachtscanada.com\/wp-content\/uploads\/2024\/06\/Capture-decran-le-2024-06-08-a-13.05.10.jpg?w=1400&amp;ssl=1 1400w\" width=\"463\" height=\"308\" loading=\"lazy\" data-original-width=\"463\" data-original-height=\"308\" itemprop=\"http:\/\/schema.org\/image\" title=\"Screenshot\" alt=\"Screenshot\" style=\"width: 463px; height: 308px;\" \/> <\/a> <\/div> <\/div> <!-- close group --> <\/div> <!-- close row --> <div class=\"gallery-row\" style=\"width: 700px; height: 234px;\" data-original-width=\"700\" data-original-height=\"234\" > <div class=\"gallery-group images-1\" style=\"width: 350px; height: 234px;\" data-original-width=\"350\" data-original-height=\"234\" > <div class=\"tiled-gallery-item tiled-gallery-item-large\" itemprop=\"associatedMedia\" itemscope itemtype=\"http:\/\/schema.org\/ImageObject\"> <a href=\"https:\/\/itayachtscanada.com\/fr\/listing\/sunseeker-95-yacht-2023-9499000-usd-for-sale\/screenshot-3884\/\" border=\"0\" itemprop=\"url\"> <meta itemprop=\"width\" content=\"346\"> <meta itemprop=\"height\" content=\"230\"> <img decoding=\"async\" class=\"\" data-attachment-id=\"165610\" data-orig-file=\"https:\/\/itayachtscanada.com\/wp-content\/uploads\/2024\/06\/Capture-decran-le-2024-06-08-a-13.05.07.jpg\" data-orig-size=\"1660,1104\" data-comments-opened=\"1\" data-image-meta=\"{&quot;aperture&quot;:&quot;0&quot;,&quot;credit&quot;:&quot;&quot;,&quot;camera&quot;:&quot;&quot;,&quot;caption&quot;:&quot;Screenshot&quot;,&quot;created_timestamp&quot;:&quot;0&quot;,&quot;copyright&quot;:&quot;&quot;,&quot;focal_length&quot;:&quot;0&quot;,&quot;iso&quot;:&quot;0&quot;,&quot;shutter_speed&quot;:&quot;0&quot;,&quot;title&quot;:&quot;Screenshot&quot;,&quot;orientation&quot;:&quot;1&quot;}\" data-image-title=\"Screenshot\" data-image-description=\"\" data-medium-file=\"https:\/\/i0.wp.com\/itayachtscanada.com\/wp-content\/uploads\/2024\/06\/Capture-decran-le-2024-06-08-a-13.05.07.jpg?fit=300%2C200&#038;ssl=1\" data-large-file=\"https:\/\/i0.wp.com\/itayachtscanada.com\/wp-content\/uploads\/2024\/06\/Capture-decran-le-2024-06-08-a-13.05.07.jpg?fit=700%2C466&#038;ssl=1\" src=\"https:\/\/i0.wp.com\/itayachtscanada.com\/wp-content\/uploads\/2024\/06\/Capture-decran-le-2024-06-08-a-13.05.07.jpg?w=346&#038;h=230&#038;ssl=1\" srcset=\"https:\/\/i0.wp.com\/itayachtscanada.com\/wp-content\/uploads\/2024\/06\/Capture-decran-le-2024-06-08-a-13.05.07.jpg?w=1660&amp;ssl=1 1660w, https:\/\/i0.wp.com\/itayachtscanada.com\/wp-content\/uploads\/2024\/06\/Capture-decran-le-2024-06-08-a-13.05.07.jpg?resize=300%2C200&amp;ssl=1 300w, https:\/\/i0.wp.com\/itayachtscanada.com\/wp-content\/uploads\/2024\/06\/Capture-decran-le-2024-06-08-a-13.05.07.jpg?resize=1024%2C681&amp;ssl=1 1024w, https:\/\/i0.wp.com\/itayachtscanada.com\/wp-content\/uploads\/2024\/06\/Capture-decran-le-2024-06-08-a-13.05.07.jpg?resize=768%2C511&amp;ssl=1 768w, https:\/\/i0.wp.com\/itayachtscanada.com\/wp-content\/uploads\/2024\/06\/Capture-decran-le-2024-06-08-a-13.05.07.jpg?resize=1536%2C1022&amp;ssl=1 1536w, https:\/\/i0.wp.com\/itayachtscanada.com\/wp-content\/uploads\/2024\/06\/Capture-decran-le-2024-06-08-a-13.05.07.jpg?resize=1200%2C798&amp;ssl=1 1200w, https:\/\/i0.wp.com\/itayachtscanada.com\/wp-content\/uploads\/2024\/06\/Capture-decran-le-2024-06-08-a-13.05.07.jpg?resize=700%2C466&amp;ssl=1 700w, https:\/\/i0.wp.com\/itayachtscanada.com\/wp-content\/uploads\/2024\/06\/Capture-decran-le-2024-06-08-a-13.05.07.jpg?resize=900%2C600&amp;ssl=1 900w, https:\/\/i0.wp.com\/itayachtscanada.com\/wp-content\/uploads\/2024\/06\/Capture-decran-le-2024-06-08-a-13.05.07.jpg?resize=601%2C400&amp;ssl=1 601w, https:\/\/i0.wp.com\/itayachtscanada.com\/wp-content\/uploads\/2024\/06\/Capture-decran-le-2024-06-08-a-13.05.07.jpg?w=1400&amp;ssl=1 1400w\" width=\"346\" height=\"230\" loading=\"lazy\" data-original-width=\"346\" data-original-height=\"230\" itemprop=\"http:\/\/schema.org\/image\" title=\"Screenshot\" alt=\"Screenshot\" style=\"width: 346px; height: 230px;\" \/> <\/a> <\/div> <\/div> <!-- close group --> <div class=\"gallery-group images-1\" style=\"width: 350px; height: 234px;\" data-original-width=\"350\" data-original-height=\"234\" > <div class=\"tiled-gallery-item tiled-gallery-item-large\" itemprop=\"associatedMedia\" itemscope itemtype=\"http:\/\/schema.org\/ImageObject\"> <a href=\"https:\/\/itayachtscanada.com\/fr\/listing\/sunseeker-95-yacht-2023-9499000-usd-for-sale\/screenshot-3885\/\" border=\"0\" itemprop=\"url\"> <meta itemprop=\"width\" content=\"346\"> <meta itemprop=\"height\" content=\"230\"> <img decoding=\"async\" class=\"\" data-attachment-id=\"165611\" data-orig-file=\"https:\/\/itayachtscanada.com\/wp-content\/uploads\/2024\/06\/Capture-decran-le-2024-06-08-a-13.05.04.jpg\" data-orig-size=\"1660,1104\" data-comments-opened=\"1\" data-image-meta=\"{&quot;aperture&quot;:&quot;0&quot;,&quot;credit&quot;:&quot;&quot;,&quot;camera&quot;:&quot;&quot;,&quot;caption&quot;:&quot;Screenshot&quot;,&quot;created_timestamp&quot;:&quot;0&quot;,&quot;copyright&quot;:&quot;&quot;,&quot;focal_length&quot;:&quot;0&quot;,&quot;iso&quot;:&quot;0&quot;,&quot;shutter_speed&quot;:&quot;0&quot;,&quot;title&quot;:&quot;Screenshot&quot;,&quot;orientation&quot;:&quot;1&quot;}\" data-image-title=\"Screenshot\" data-image-description=\"\" data-medium-file=\"https:\/\/i0.wp.com\/itayachtscanada.com\/wp-content\/uploads\/2024\/06\/Capture-decran-le-2024-06-08-a-13.05.04.jpg?fit=300%2C200&#038;ssl=1\" data-large-file=\"https:\/\/i0.wp.com\/itayachtscanada.com\/wp-content\/uploads\/2024\/06\/Capture-decran-le-2024-06-08-a-13.05.04.jpg?fit=700%2C466&#038;ssl=1\" src=\"https:\/\/i0.wp.com\/itayachtscanada.com\/wp-content\/uploads\/2024\/06\/Capture-decran-le-2024-06-08-a-13.05.04.jpg?w=346&#038;h=230&#038;ssl=1\" srcset=\"https:\/\/i0.wp.com\/itayachtscanada.com\/wp-content\/uploads\/2024\/06\/Capture-decran-le-2024-06-08-a-13.05.04.jpg?w=1660&amp;ssl=1 1660w, https:\/\/i0.wp.com\/itayachtscanada.com\/wp-content\/uploads\/2024\/06\/Capture-decran-le-2024-06-08-a-13.05.04.jpg?resize=300%2C200&amp;ssl=1 300w, https:\/\/i0.wp.com\/itayachtscanada.com\/wp-content\/uploads\/2024\/06\/Capture-decran-le-2024-06-08-a-13.05.04.jpg?resize=1024%2C681&amp;ssl=1 1024w, https:\/\/i0.wp.com\/itayachtscanada.com\/wp-content\/uploads\/2024\/06\/Capture-decran-le-2024-06-08-a-13.05.04.jpg?resize=768%2C511&amp;ssl=1 768w, https:\/\/i0.wp.com\/itayachtscanada.com\/wp-content\/uploads\/2024\/06\/Capture-decran-le-2024-06-08-a-13.05.04.jpg?resize=1536%2C1022&amp;ssl=1 1536w, https:\/\/i0.wp.com\/itayachtscanada.com\/wp-content\/uploads\/2024\/06\/Capture-decran-le-2024-06-08-a-13.05.04.jpg?resize=1200%2C798&amp;ssl=1 1200w, https:\/\/i0.wp.com\/itayachtscanada.com\/wp-content\/uploads\/2024\/06\/Capture-decran-le-2024-06-08-a-13.05.04.jpg?resize=700%2C466&amp;ssl=1 700w, https:\/\/i0.wp.com\/itayachtscanada.com\/wp-content\/uploads\/2024\/06\/Capture-decran-le-2024-06-08-a-13.05.04.jpg?resize=900%2C600&amp;ssl=1 900w, https:\/\/i0.wp.com\/itayachtscanada.com\/wp-content\/uploads\/2024\/06\/Capture-decran-le-2024-06-08-a-13.05.04.jpg?resize=601%2C400&amp;ssl=1 601w, https:\/\/i0.wp.com\/itayachtscanada.com\/wp-content\/uploads\/2024\/06\/Capture-decran-le-2024-06-08-a-13.05.04.jpg?w=1400&amp;ssl=1 1400w\" width=\"346\" height=\"230\" loading=\"lazy\" data-original-width=\"346\" data-original-height=\"230\" itemprop=\"http:\/\/schema.org\/image\" title=\"Screenshot\" alt=\"Screenshot\" style=\"width: 346px; height: 230px;\" \/> <\/a> <\/div> <\/div> <!-- close group --> <\/div> <!-- close row --> <div class=\"gallery-row\" style=\"width: 700px; height: 467px;\" data-original-width=\"700\" data-original-height=\"467\" > <div class=\"gallery-group images-1\" style=\"width: 700px; height: 467px;\" data-original-width=\"700\" data-original-height=\"467\" > <div class=\"tiled-gallery-item tiled-gallery-item-large\" itemprop=\"associatedMedia\" itemscope itemtype=\"http:\/\/schema.org\/ImageObject\"> <a href=\"https:\/\/itayachtscanada.com\/fr\/listing\/sunseeker-95-yacht-2023-9499000-usd-for-sale\/screenshot-3886\/\" border=\"0\" itemprop=\"url\"> <meta itemprop=\"width\" content=\"696\"> <meta itemprop=\"height\" content=\"463\"> <img decoding=\"async\" class=\"\" data-attachment-id=\"165612\" data-orig-file=\"https:\/\/itayachtscanada.com\/wp-content\/uploads\/2024\/06\/Capture-decran-le-2024-06-08-a-13.04.55.jpg\" data-orig-size=\"1660,1104\" data-comments-opened=\"1\" data-image-meta=\"{&quot;aperture&quot;:&quot;0&quot;,&quot;credit&quot;:&quot;&quot;,&quot;camera&quot;:&quot;&quot;,&quot;caption&quot;:&quot;Screenshot&quot;,&quot;created_timestamp&quot;:&quot;0&quot;,&quot;copyright&quot;:&quot;&quot;,&quot;focal_length&quot;:&quot;0&quot;,&quot;iso&quot;:&quot;0&quot;,&quot;shutter_speed&quot;:&quot;0&quot;,&quot;title&quot;:&quot;Screenshot&quot;,&quot;orientation&quot;:&quot;1&quot;}\" data-image-title=\"Screenshot\" data-image-description=\"\" data-medium-file=\"https:\/\/i0.wp.com\/itayachtscanada.com\/wp-content\/uploads\/2024\/06\/Capture-decran-le-2024-06-08-a-13.04.55.jpg?fit=300%2C200&#038;ssl=1\" data-large-file=\"https:\/\/i0.wp.com\/itayachtscanada.com\/wp-content\/uploads\/2024\/06\/Capture-decran-le-2024-06-08-a-13.04.55.jpg?fit=700%2C466&#038;ssl=1\" src=\"https:\/\/i0.wp.com\/itayachtscanada.com\/wp-content\/uploads\/2024\/06\/Capture-decran-le-2024-06-08-a-13.04.55.jpg?w=696&#038;h=463&#038;ssl=1\" srcset=\"https:\/\/i0.wp.com\/itayachtscanada.com\/wp-content\/uploads\/2024\/06\/Capture-decran-le-2024-06-08-a-13.04.55.jpg?w=1660&amp;ssl=1 1660w, https:\/\/i0.wp.com\/itayachtscanada.com\/wp-content\/uploads\/2024\/06\/Capture-decran-le-2024-06-08-a-13.04.55.jpg?resize=300%2C200&amp;ssl=1 300w, https:\/\/i0.wp.com\/itayachtscanada.com\/wp-content\/uploads\/2024\/06\/Capture-decran-le-2024-06-08-a-13.04.55.jpg?resize=1024%2C681&amp;ssl=1 1024w, https:\/\/i0.wp.com\/itayachtscanada.com\/wp-content\/uploads\/2024\/06\/Capture-decran-le-2024-06-08-a-13.04.55.jpg?resize=768%2C511&amp;ssl=1 768w, https:\/\/i0.wp.com\/itayachtscanada.com\/wp-content\/uploads\/2024\/06\/Capture-decran-le-2024-06-08-a-13.04.55.jpg?resize=1536%2C1022&amp;ssl=1 1536w, https:\/\/i0.wp.com\/itayachtscanada.com\/wp-content\/uploads\/2024\/06\/Capture-decran-le-2024-06-08-a-13.04.55.jpg?resize=1200%2C798&amp;ssl=1 1200w, https:\/\/i0.wp.com\/itayachtscanada.com\/wp-content\/uploads\/2024\/06\/Capture-decran-le-2024-06-08-a-13.04.55.jpg?resize=700%2C466&amp;ssl=1 700w, https:\/\/i0.wp.com\/itayachtscanada.com\/wp-content\/uploads\/2024\/06\/Capture-decran-le-2024-06-08-a-13.04.55.jpg?resize=900%2C600&amp;ssl=1 900w, https:\/\/i0.wp.com\/itayachtscanada.com\/wp-content\/uploads\/2024\/06\/Capture-decran-le-2024-06-08-a-13.04.55.jpg?resize=601%2C400&amp;ssl=1 601w, https:\/\/i0.wp.com\/itayachtscanada.com\/wp-content\/uploads\/2024\/06\/Capture-decran-le-2024-06-08-a-13.04.55.jpg?w=1400&amp;ssl=1 1400w\" width=\"696\" height=\"463\" loading=\"lazy\" data-original-width=\"696\" data-original-height=\"463\" itemprop=\"http:\/\/schema.org\/image\" title=\"Screenshot\" alt=\"Screenshot\" style=\"width: 696px; height: 463px;\" \/> <\/a> <\/div> <\/div> <!-- close group --> <\/div> <!-- close row --> <\/div>\n<div class=\"jetpack-video-wrapper\"><span class=\"embed-youtube\" style=\"text-align:center; display: block;\"><iframe loading=\"lazy\" class=\"youtube-player\" width=\"700\" height=\"394\" src=\"https:\/\/www.youtube.com\/embed\/MX8hNtna52Y?version=3&#038;rel=1&#038;showsearch=0&#038;showinfo=1&#038;iv_load_policy=1&#038;fs=1&#038;hl=fr-FR&#038;autohide=2&#038;wmode=transparent\" allowfullscreen=\"true\" style=\"border:0;\" sandbox=\"allow-scripts allow-same-origin allow-popups allow-presentation allow-popups-to-escape-sandbox\"><\/iframe><\/span><\/div>\n<div class=\"jetpack-video-wrapper\"><span class=\"embed-youtube\" style=\"text-align:center; display: block;\"><iframe loading=\"lazy\" class=\"youtube-player\" width=\"700\" height=\"394\" src=\"https:\/\/www.youtube.com\/embed\/lXYhD7_2PUU?version=3&#038;rel=1&#038;showsearch=0&#038;showinfo=1&#038;iv_load_policy=1&#038;fs=1&#038;hl=fr-FR&#038;autohide=2&#038;start=3&#038;wmode=transparent\" allowfullscreen=\"true\" style=\"border:0;\" sandbox=\"allow-scripts allow-same-origin allow-popups allow-presentation allow-popups-to-escape-sandbox\"><\/iframe><\/span><\/div>\n<div class=\"jetpack-video-wrapper\"><span class=\"embed-youtube\" style=\"text-align:center; display: block;\"><iframe loading=\"lazy\" class=\"youtube-player\" width=\"700\" height=\"394\" src=\"https:\/\/www.youtube.com\/embed\/4Vm-boaA32g?version=3&#038;rel=1&#038;showsearch=0&#038;showinfo=1&#038;iv_load_policy=1&#038;fs=1&#038;hl=fr-FR&#038;autohide=2&#038;wmode=transparent\" allowfullscreen=\"true\" style=\"border:0;\" sandbox=\"allow-scripts allow-same-origin allow-popups allow-presentation allow-popups-to-escape-sandbox\"><\/iframe><\/span><\/div>\n<div class=\"jetpack-video-wrapper\"><span class=\"embed-youtube\" style=\"text-align:center; display: block;\"><iframe loading=\"lazy\" class=\"youtube-player\" width=\"700\" height=\"394\" src=\"https:\/\/www.youtube.com\/embed\/msykXt_Smv0?version=3&#038;rel=1&#038;showsearch=0&#038;showinfo=1&#038;iv_load_policy=1&#038;fs=1&#038;hl=fr-FR&#038;autohide=2&#038;start=10&#038;wmode=transparent\" allowfullscreen=\"true\" style=\"border:0;\" sandbox=\"allow-scripts allow-same-origin allow-popups allow-presentation allow-popups-to-escape-sandbox\"><\/iframe><\/span><\/div>\n<p><strong>\u00a0<\/strong><\/p>\n<p>&nbsp;<\/p>\n<p><strong>Ita Yachts Canada propose de vous assister et de voir \u00e0 vos int\u00e9r\u00eats pour l\u2019achat de ce yacht qui est \u00e0 vendre par une autre organisation. Nous serons pr\u00e9sents lors de l\u2019inspection et tout au long de la transaction et ce peu importe sa localisation. L\u2019\u00e9quipe d\u2019Ita Yachts Canada se soumet au plus haut standard d\u2019\u00e9thique.<\/strong><\/p>\n<p>&nbsp;<\/p>\n<\/div>\n<\/div>\n<\/div>\n<\/div>\n<\/div>\n<div>\n<div class=\"html-content-description\">\n<p>Options incluses<\/p>\n<p>Ext\u00e9rieur<\/p>\n<p>Toit rigide peint en noir<\/p>\n<p>Radar \u00e0 faisceau ouvert<\/p>\n<p>Syst\u00e8me de t\u00e9l\u00e9vision directe par satellite KVH<\/p>\n<p>(10) lumi\u00e8res DEL sous-marines &#8211; blanc\/bleu<\/p>\n<p>M\u00e2t \u00e0 drapeau<\/p>\n<p>Plate-forme de bain<\/p>\n<p>Plate-forme \u00e0 \u00e9l\u00e9vation hydraulique avec capacit\u00e9 maximale de 2,204 lbs<\/p>\n<p>Plancher en teck<\/p>\n<p>Rangement<\/p>\n<p>&nbsp;<\/p>\n<p>&nbsp;<\/p>\n<p>Pont arri\u00e8re<\/p>\n<p>Poste de contr\u00f4le d&rsquo;accostage \u00e0 tribord<\/p>\n<p>R\u00e9frig\u00e9rateur Vitrifrigo et machine \u00e0 gla\u00e7ons<\/p>\n<p>Si\u00e8ges en U avec table<\/p>\n<p>(3) Chaises suppl\u00e9mentaires pliables<\/p>\n<p>Escalier \u00e0 tribord menant au Flybridge<\/p>\n<p>Portes d&#8217;embarquement lat\u00e9rales de chaque c\u00f4t\u00e9<\/p>\n<p>Plancher en teck<\/p>\n<p>&nbsp;<\/p>\n<p>&nbsp;<\/p>\n<p>Salon<\/p>\n<p>Porte d&rsquo;entr\u00e9e en inox depuis le pont arri\u00e8re<\/p>\n<p>Fen\u00eatres panoramiques<\/p>\n<p>TV Hi Lo Samsung 55 \u00bb avec Apple TV<\/p>\n<p>Si\u00e8ges en U<\/p>\n<p>Table basse<\/p>\n<p>(2) Chaises<\/p>\n<p>Plancher en bois<\/p>\n<p>Tapis de sol<\/p>\n<p>&nbsp;<\/p>\n<p>&nbsp;<\/p>\n<p>Salle \u00e0 manger<\/p>\n<p>Table \u00e0 manger avec 8 chaises<\/p>\n<p>Meuble de rangement \u00e0 tribord<\/p>\n<p>(2) Luminaires<\/p>\n<p>Plancher en bois<\/p>\n<p>Tapis de sol<\/p>\n<p>Porte en acier inoxydable \u00e0 b\u00e2bord avec balcon sur le pavois<\/p>\n<p>&nbsp;<\/p>\n<p>&nbsp;<\/p>\n<p>Cuisine<\/p>\n<p>Porte d&rsquo;entr\u00e9e pour plus d&rsquo;intimit\u00e9<\/p>\n<p>Grande fen\u00eatre \u00e0 tribord<\/p>\n<p>Glaci\u00e8re \u00e0 vin Miele pour 34 bouteilles<\/p>\n<p>Cuisini\u00e8re Miele \u00e0 4 br\u00fbleurs<\/p>\n<p>Four \u00e9lectrique Miele<\/p>\n<p>Lave-vaisselle Miele<\/p>\n<p>R\u00e9frig\u00e9rateur<\/p>\n<p>&nbsp;<\/p>\n<p>&nbsp;<\/p>\n<p>Toilette de jour<\/p>\n<p>Vanit\u00e9 avec lavabo<\/p>\n<p>Toilette Tecma<\/p>\n<p>&nbsp;<\/p>\n<p>&nbsp;<\/p>\n<p>Poste de pilotage inf\u00e9rieur<\/p>\n<p>(3 \u00e9crans Simrad de 19 pouces<\/p>\n<p>Radar Simrad Halo Pulse Compression 6ft 72nm<\/p>\n<p>Antenne GPS Simrad GS25<\/p>\n<p>Instruments multifonctions Simrad IS42<\/p>\n<p>Syst\u00e8me de pilotage automatique Simrad avec commande QS80<\/p>\n<p>Sonde de profondeur Simrad avec temp\u00e9rature de l&rsquo;eau<\/p>\n<p>Capteur de vent ultrasonique Simrad 110WX<\/p>\n<p>(2) VHF Simrad<\/p>\n<p>Cam\u00e9ra thermique FLIR<\/p>\n<p>(2) Afficheurs de moteur MTU<\/p>\n<p>Propulseurs d&rsquo;\u00e9trave et de poupe<\/p>\n<p>Compas<\/p>\n<p>Volant de direction<\/p>\n<p>(2) Porte-gobelets<\/p>\n<p>(1) Fauteuil de barre<\/p>\n<p>&nbsp;<\/p>\n<p>&nbsp;<\/p>\n<p>Cabine principale<\/p>\n<p>Serrure \u00e0 cl\u00e9 sur la porte<\/p>\n<p>Lit King avec rangement en dessous<\/p>\n<p>(2) Tables de chevet<\/p>\n<p>(2) Liseuses<\/p>\n<p>T\u00e9l\u00e9vision Samsung 55<\/p>\n<p>Canap\u00e9 avec table d&rsquo;appoint<\/p>\n<p>Grandes fen\u00eatres<\/p>\n<p>Rideaux de chaque c\u00f4t\u00e9<\/p>\n<p>Tapis<\/p>\n<p>Escaliers menant aux placards et \u00e0 la salle d&rsquo;eau<\/p>\n<p>&nbsp;<\/p>\n<p>&nbsp;<\/p>\n<p>Salle d&rsquo;eau principale<\/p>\n<p>Lavabo et \u00e9vier<\/p>\n<p>Grands miroirs<\/p>\n<p>Porte-brosse \u00e0 dents et distributeur de savon<\/p>\n<p>Porte-serviettes<\/p>\n<p>Etag\u00e8res de rangement pour les serviettes<\/p>\n<p>Douche \u00e0 l&rsquo;italienne<\/p>\n<p>Toilettes ferm\u00e9es Tecma<\/p>\n<p>&nbsp;<\/p>\n<p>&nbsp;<\/p>\n<p>Cabine VIP \u00e0 b\u00e2bord<\/p>\n<p>Serrure \u00e0 cl\u00e9 sur la porte<\/p>\n<p>Lit Queen avec rangement en dessous<\/p>\n<p>Miroir-coiffeuse pleine longueur<\/p>\n<p>Table de nuit<\/p>\n<p>T\u00e9l\u00e9vision Samsung 55<\/p>\n<p>(2) Liseuses<\/p>\n<p>Fen\u00eatre avec hublot<\/p>\n<p>Tapis<\/p>\n<p>&nbsp;<\/p>\n<p>&nbsp;<\/p>\n<p>Salle d&rsquo;eau VIP \u00e0 b\u00e2bord<\/p>\n<p>Meuble-lavabo avec \u00e9vier et miroir<\/p>\n<p>Porte-serviettes, porte-brosse \u00e0 dents et distributeur de savon<\/p>\n<p>Douche ferm\u00e9e<\/p>\n<p>Toilette Tecma<\/p>\n<p>&nbsp;<\/p>\n<p>&nbsp;<\/p>\n<p>Cabine d&rsquo;invit\u00e9 b\u00e2bord<\/p>\n<p>(2) Lits simples &#8211; pouvant coulisser l&rsquo;un contre l&rsquo;autre<\/p>\n<p>(2) Liseuses<\/p>\n<p>Table de nuit<\/p>\n<p>TV Samsung 55<\/p>\n<p>Fen\u00eatre avec hublot<\/p>\n<p>Tapis<\/p>\n<p>Salle d&rsquo;eau pour les invit\u00e9s \u00e0 b\u00e2bord<\/p>\n<p>Meuble-lavabo avec \u00e9vier et miroir<\/p>\n<p>Porte-serviettes, porte-brosses \u00e0 dents et distributeur de savon<\/p>\n<p>Douche ferm\u00e9e<\/p>\n<p>Toilette Tecma<\/p>\n<p>&nbsp;<\/p>\n<p>&nbsp;<\/p>\n<p>Cabine VIP \u00e0 tribord<\/p>\n<p>Serrure \u00e0 cl\u00e9 sur la porte<\/p>\n<p>Lit Queen avec rangement en dessous<\/p>\n<p>Miroir-coiffeuse pleine longueur<\/p>\n<p>Table de nuit<\/p>\n<p>T\u00e9l\u00e9vision Samsung 55<\/p>\n<p>(2) Liseuses<\/p>\n<p>Fen\u00eatre avec hublot<\/p>\n<p>Tapis<\/p>\n<p>&nbsp;<\/p>\n<p>&nbsp;<\/p>\n<p>Salle d&rsquo;eau VIP \u00e0 tribord<\/p>\n<p>Meuble-lavabo avec \u00e9vier et miroir<\/p>\n<p>Porte-serviettes, porte-brosse \u00e0 dents et distributeur de savon<\/p>\n<p>Douche ferm\u00e9e<\/p>\n<p>Toilette Tecma<\/p>\n<p>&nbsp;<\/p>\n<p>&nbsp;<\/p>\n<p>Cabine d&rsquo;invit\u00e9s \u00e0 tribord<\/p>\n<p>(2) Lits simples &#8211; pouvant coulisser l&rsquo;un contre l&rsquo;autre<\/p>\n<p>(2) Luminaires<\/p>\n<p>Table de nuit<\/p>\n<p>TV Samsung 55<\/p>\n<p>Fen\u00eatre avec hublot<\/p>\n<p>Tapis<\/p>\n<p>&nbsp;<\/p>\n<p>&nbsp;<\/p>\n<p>Salle d&rsquo;eau pour invit\u00e9s \u00e0 tribord<\/p>\n<p>Meuble-lavabo avec \u00e9vier et miroir<\/p>\n<p>Porte-serviettes, porte-brosses \u00e0 dents et distributeur de savon<\/p>\n<p>Douche ferm\u00e9e<\/p>\n<p>Toilette Tecma<\/p>\n<p>&nbsp;<\/p>\n<p>&nbsp;<\/p>\n<p>Poste de pilotage &#8211; Flybridge<\/p>\n<p>(3 \u00e9crans Simrad de 16 pouces<\/p>\n<p>Instrument multifonction Simrad IS42<\/p>\n<p>Syst\u00e8me de pilotage automatique Simrad avec commande QS80<\/p>\n<p>VHF Simrad<\/p>\n<p>Cam\u00e9ra thermique FLIR<\/p>\n<p>Compas<\/p>\n<p>Volant de direction<\/p>\n<p>(2) Porte-gobelets<\/p>\n<p>(2) Fauteuils de barre<\/p>\n<p>Banquette \u00e0 tribord<\/p>\n<p>Toit ouvrant \u00e9lectrique<\/p>\n<p>&nbsp;<\/p>\n<p>&nbsp;<\/p>\n<p>Pont sup\u00e9rieur<\/p>\n<p>Pr\u00e9paration pour grue hydraulique*<\/p>\n<p>Pr\u00e9paration pour Jacuzzi*<\/p>\n<p>Plancher en teck<\/p>\n<p>Grandes banquettes en U<\/p>\n<p>Grande table<\/p>\n<p>(4) Chaises suppl\u00e9mentaires<\/p>\n<p>Wetbar avec \u00e9vier<\/p>\n<p>Barbecue Kenyon<\/p>\n<p>Machine \u00e0 gla\u00e7ons Hoshizaki<\/p>\n<p>R\u00e9frig\u00e9rateurs \u00e0 deux tiroirs Frigoboat<\/p>\n<p>TV<\/p>\n<p>Table \u00e0 cartes \u00e0 l&rsquo;arri\u00e8re avec 4 chaises<\/p>\n<p>Lavage \u00e0 l&rsquo;eau douce<\/p>\n<p>&nbsp;<\/p>\n<p>&nbsp;<\/p>\n<p>Avant (BOW)<\/p>\n<p>Grandes chaises longues<\/p>\n<p>Si\u00e8ges en U<\/p>\n<p>Table<\/p>\n<p>Sunbrella<\/p>\n<p>Plancher en teck<\/p>\n<p>&nbsp;<\/p>\n<p>&nbsp;<\/p>\n<p>AUDIO\/VIDEO<\/p>\n<p>Syst\u00e8me de t\u00e9l\u00e9vision directe par satellite KVH<\/p>\n<p>Salon TV Samsung 55<\/p>\n<p>Cabine principale TV Samsung 55<\/p>\n<p>Cabine VIP b\u00e2bord T\u00e9l\u00e9vision Samsung 55<\/p>\n<p>Cabine d&rsquo;invit\u00e9s \u00e0 b\u00e2bord T\u00e9l\u00e9vision Samsung 55<\/p>\n<p>Cabine VIP \u00e0 tribord Samsung 55 \u00bb TV<\/p>\n<p>Cabine d&rsquo;invit\u00e9s \u00e0 tribord Samsung 55 \u00bb TV<\/p>\n<p>Quartier de l&rsquo;\u00e9quipage T\u00e9l\u00e9vision Samsung 43<\/p>\n<p>&nbsp;<\/p>\n<p>&nbsp;<\/p>\n<p>Salle des machines<\/p>\n<p>Deux MTU 12V 2000 avec 399 hrs<\/p>\n<p>Triple g\u00e9n\u00e9rateur Kohler 35kW avec 730 hrs<\/p>\n<p>Dessalinisateur 1 850 GPD avec Spot Zero<\/p>\n<p>Convertisseur de quai Atlas Ultra<\/p>\n<p>Syst\u00e8me de polissage du carburant<\/p>\n<p>\u00c9tag\u00e8res<\/p>\n<p>&nbsp;<\/p>\n<p>&nbsp;<\/p>\n<p>Quartiers d&rsquo;\u00e9quipage<\/p>\n<p>(2) Cabines d&rsquo;\u00e9quipage<\/p>\n<p>Salle d&rsquo;eau avec toilettes Tecma<\/p>\n<p>TV Samsung 43<\/p>\n<p>Lave-linge et s\u00e8che-linge Miele<\/p>\n<p>R\u00e9frig\u00e9rateur et cong\u00e9lateur<\/p>\n<p>Micro-ondes Sharp<\/p>\n<p>Porte d&rsquo;acc\u00e8s \u00e0 la salle des machines<\/p>\n<p>&nbsp;<\/p>\n<p>&nbsp;<\/p>\n<p>Exclusions<\/p>\n<p>Objets personnels du propri\u00e9taire<\/p>\n<p>&nbsp;<\/p>\n<p>&nbsp;<\/p>\n<p><strong><span style=\"color: black;\">AVIS DE NON-RESPONSABILIT\u00c9<\/span><\/strong><\/p>\n<p><strong><span style=\"color: black; font-weight: normal;\">Le bateau qui est pr\u00e9sent\u00e9 sur cette page, l\u2019est uniquement \u00e0 titre d&rsquo;information et n&rsquo;est pas n\u00e9cessairement toujours disponible \u00e0 la vente et\/ou \u00e0 la location.<\/span><\/strong><span class=\"apple-converted-space\"><b><span style=\"color: black;\">\u00a0<\/span><\/b><\/span><strong><span style=\"color: black; font-weight: normal;\">Ce bateau est peut-\u00eatre offert sous r\u00e9serve, il faut v\u00e9rifier sa disponibilit\u00e9.<\/span><\/strong><span class=\"apple-converted-space\"><b><span style=\"color: black;\">\u00a0<\/span><\/b><\/span><strong><span style=\"color: black; font-weight: normal;\">\u00a0Ce document ou cette annonce n&rsquo;est pas contractuel. Les informations sur les bateaux affich\u00e9es dans les r\u00e9sultats ci-dessus sont pr\u00e9sent\u00e9es en toute bonne foi et, bien qu&rsquo;elles soient consid\u00e9r\u00e9es comme correctes, elles ne sont pas garanties. Ita Yachts Canada ne garantit pas et n&rsquo;assume aucune responsabilit\u00e9 l\u00e9gale ou responsabilit\u00e9 pour l&rsquo;exactitude, l&rsquo;exhaustivit\u00e9 ou l&rsquo;utilit\u00e9 des informations et\/ou des images affich\u00e9es, car elles peuvent ne pas \u00eatre \u00e0 jour ou encore \u00eatres des images d&rsquo;un bateau comparable. Toutes les informations sur les bateaux peuvent \u00eatre modifi\u00e9es sans pr\u00e9avis et sont sans garantie.<\/span><\/strong><span class=\"apple-converted-space\"><b><span style=\"color: black;\">\u00a0<\/span><\/b><\/span><strong><span style=\"color: black; font-weight: normal;\">Ce bateau est peut-\u00eatre offert par un autre courtier ouvert au co-courtage (co-brokerage).<\/span><\/strong><\/p>\n<p>&nbsp;<\/p>\n<p>&nbsp;<\/p>\n<div data-test='contact-form'\n\t\t\tid='contact-form-165517'\n\t\t\tclass='jetpack-contact-form-container '\n\t\t\tdata-wp-interactive='jetpack\/form' data-wp-context='{\"formId\":\"165517\",\"formHash\":\"fa6fbd11fd63dc863b7db6805cacf1a3942e71c7\",\"showErrors\":false,\"errors\":[],\"fields\":[],\"isMultiStep\":false,\"useAjax\":false,\"submissionData\":null,\"formattedSubmissionData\":[],\"submissionSuccess\":false,\"submissionError\":null,\"elementId\":\"jp-form-fa6fbd11fd63dc863b7db6805cacf1a3942e71c7\",\"isSingleInputForm\":false,\"isForcedHorizontal\":false}'\n\t\t\tdata-wp-watch--scroll-to-wrapper=\"callbacks.scrollToWrapper\"\n\t\t>\n<div class=\"contact-form-submission contact-form-ajax-submission\" data-wp-bind--aria-hidden=\"state.isSuccessMessageAriaHidden\" data-wp-class--submission-success=\"context.submissionSuccess\" id=\"contact-form-success-fa6fbd11fd63dc863b7db6805cacf1a3942e71c7\" tabindex=\"-1\" aria-labelledby=\"contact-form-success-header-fa6fbd11fd63dc863b7db6805cacf1a3942e71c7\"><p class=\"go-back-message\"><a class=\"link\" role=\"button\" tabindex=\"0\" data-wp-on--click=\"actions.goBack\" href=\"\/fr\/wp-json\/wp\/v2\/listing\/165517\">\u2190 Retour<\/a><\/p><h4 data-wp-bind--aria-hidden=\"state.isSuccessMessageAriaHidden\" id=\"contact-form-success-header-fa6fbd11fd63dc863b7db6805cacf1a3942e71c7\">Merci pour votre r\u00e9ponse. \u2728<\/h4>\n\n<template data-wp-each--submission=\"context.formattedSubmissionData\">\n\t\t\t\t\t<div class=\"jetpack_forms_contact-form-success-summary\">\n\t\t\t\t\t\t<div class=\"field-name-wrapper\">\n\t\t\t\t\t\t\t<div class=\"field-type-icon\" data-wp-watch=\"callbacks.watchFieldTypeIcon\"><\/div>\n\t\t\t\t\t\t\t<div class=\"field-name\" data-wp-text=\"context.submission.label\" data-wp-bind--hidden=\"!context.submission.label\"><\/div>\n\t\t\t\t\t\t<\/div>\n\t\t\t\t\t\t<div class=\"field-value\" data-wp-text=\"context.submission.value\" data-wp-bind--hidden=\"!context.submission.showPlainValue\"><\/div>\n\t\t\t\t\t\t<a class=\"field-url\" data-wp-bind--href=\"context.submission.url\" data-wp-text=\"context.submission.value\" data-wp-bind--hidden=\"!context.submission.url\" target=\"_blank\" rel=\"noopener noreferrer\"><\/a>\n\t\t\t\t\t\t<div class=\"field-rating\" data-wp-bind--hidden=\"!context.submission.rating\" data-wp-watch=\"callbacks.watchRatingIcons\"><\/div>\n\t\t\t\t\t\t<div class=\"field-images\" data-wp-bind--hidden=\"!context.submission.images\">\n\t\t\t\t\t\t\t<template data-wp-each--image=\"context.submission.images\">\n\t\t\t\t\t\t\t\t<div class=\"field-image-option\" data-wp-class--is-empty=\"!context.image.src\">\n\t\t\t\t\t\t\t\t\t<figure class=\"field-image-option__image\" data-wp-class--is-empty=\"!context.image.src\">\n\t\t\t\t\t\t\t\t\t\t<img data-wp-bind--src=\"context.image.src\" data-wp-bind--hidden=\"!context.image.src\" \/>\n\t\t\t\t\t\t\t\t\t\t<img decoding=\"async\" src=\"data:image\/gif;base64,R0lGODlhAQABAAD\/ACwAAAAAAQABAAACADs=\" data-wp-bind--hidden=\"context.image.src\" \/>\n\t\t\t\t\t\t\t\t\t<\/figure>\n\t\t\t\t\t\t\t\t\t<div class=\"field-image-option__label-wrapper\">\n\t\t\t\t\t\t\t\t\t\t<span class=\"field-image-option__label-code\" data-wp-text=\"context.image.letterCode\"><\/span>\n\t\t\t\t\t\t\t\t\t\t<span class=\"field-image-option__label\" data-wp-text=\"context.image.label\" data-wp-bind--hidden=\"!context.image.label\"><\/span>\n\t\t\t\t\t\t\t\t\t<\/div>\n\t\t\t\t\t\t\t\t<\/div>\n\t\t\t\t\t\t\t<\/template>\n\t\t\t\t\t\t<\/div>\n\t\t\t\t\t\t<div class=\"field-files\" data-wp-bind--hidden=\"!context.submission.files\">\n\t\t\t\t\t\t\t<template data-wp-each--file=\"context.submission.files\">\n\t\t\t\t\t\t\t\t<div class=\"field-file\">\n\t\t\t\t\t\t\t\t\t<div class=\"field-file__thumbnail\" data-wp-style--background-image=\"context.file.previewUrl\" data-wp-style--mask-image=\"context.file.iconUrl\" data-wp-bind--hidden=\"!context.file.hasPreview\"><\/div>\n\t\t\t\t\t\t\t\t\t<svg class=\"field-file__icon\" data-wp-bind--hidden=\"context.file.hasPreview\" width=\"20\" height=\"20\" viewBox=\"0 0 24 24\" fill=\"none\" xmlns=\"http:\/\/www.w3.org\/2000\/svg\" aria-hidden=\"true\">\n\t\t\t\t\t\t\t\t\t\t<path d=\"M14 2H6C4.9 2 4 2.9 4 4V20C4 21.1 4.89 22 5.99 22H18C19.1 22 20 21.1 20 20V8L14 2ZM18 20H6V4H13V9H18V20Z\" fill=\"currentColor\"\/>\n\t\t\t\t\t\t\t\t\t<\/svg>\n\t\t\t\t\t\t\t\t\t<span class=\"field-file__name\" data-wp-text=\"context.file.name\"><\/span>\n\t\t\t\t\t\t\t\t\t<span class=\"field-file__size\" data-wp-text=\"context.file.size\"><\/span>\n\t\t\t\t\t\t\t\t<\/div>\n\t\t\t\t\t\t\t<\/template>\n\t\t\t\t\t\t<\/div>\n\t\t\t\t\t<\/div>\n\t\t\t\t<\/template><\/div><form action='https:\/\/itayachtscanada.com\/fr\/listing\/sunseeker-95-yacht-2023-9499000-usd-for-sale\/'\n\t\t\t\tid='jp-form-fa6fbd11fd63dc863b7db6805cacf1a3942e71c7'\n\t\t\t\tmethod='post'\n\t\t\t\tclass='contact-form commentsblock jetpack-contact-form__form has-no-jetpack-form-layout' aria-label=\"{:en}Sunseeker 95 Yacht 2023 $7,249,000 usd for sale{:}{:fr}Sunseeker 95 Yacht 2023 $7,249,000 usd \u00e0 vendre{:}\"\n\t\t\t\tdata-wp-on--submit=\"actions.onFormSubmit\"\n\t\t\t\tdata-wp-on--reset=\"actions.onFormReset\"\n\t\t\t\tdata-wp-class--submission-success=\"context.submissionSuccess\"\n\t\t\t\tdata-wp-class--is-first-step=\"state.isFirstStep\"\n\t\t\t\tdata-wp-class--is-last-step=\"state.isLastStep\"\n\t\t\t\tdata-wp-class--is-ajax-form=\"context.useAjax\"\n\t\t\t\tnovalidate >\n<input type='hidden' name='jetpack_contact_form_jwt' value='eyJ0eXAiOiJKV1QiLCJhbGciOiJIUzI1NiJ9.eyJlbmNyeXB0ZWRfYXR0cmlidXRlcyI6InZueXZXQWRSMkhsOHNVWFlNbzd2bGNLeFJXZUtsaGN5eXpuTDhocDZsRlpQVDlYcm9kZzFSMUdsc0RHWHhBYWwxcjZVdnJ3U3o3RHJQZU9sSzcvRXR2akNjRjRyaVVXMmpKUXVUOEVjQ0hWUzV4MVN3YVQzTnNHVWVybDJRTGZ6UzJkTlkvbGUveGROa1N0OFVUL0pTY2JpaUp3VXRRRG81a1pTMXFHUTVoZnpqK1l4SHFiR2hBVWlYT2l4Mks0V0FhWU92bTBnY1Z2cGNCbFVFRUxsTGs0YzNMTlY0NEpldUtYN0dlMFdnWWtnalZrNFR2K00xRnlMSzFTcjFzU0RwRndJTVdwTHFBcjdLRkR0K0NUSlkrb05NVVEyUEZJRTBDbkIveTJBS20wVWJTb1pFM25DQXRKREdCY0M2dW0rS1ZBb2gxOGNEd2UxRXNGRGIrSnphNWErZU0ycGkydlpleHpNVFFtcVFZWXdzR1RCL3RMMnVPNXRmb2hPcmlraXR5cS9ieUtOb3ZQaS9WNVJLWlRBK1pwQWhiamZncnp1SXIvVENpcGhVM1kva1h4SkZPb29FWlRVMkdxMzR0cDl2SDFyVlY5c1ZlQys2ZkRvQm5hVmtrQktia1NycGplNUc0Yk9yYkdJclBUWkQrNlo4M0g5WCtPYldVLzA1R0ZTOEFWQk5IbUd0Q2tObzZ3UWpCcWV5U3JralozbWxXVFNCdzkvOW5qaVlKL0xtc25UTXM2NU1DODhjWjhsZTB2TGdXbkhid3ZLRlU0bWI5MWJLUG1ua0RyUXF1WisrSTZ4d0hIZ2NreHlHcEswVWZadDh4c0JuRVprRkg4Y3MvSkhVbGZZd0lPOGMxMFdicXh1OUlaaWppM2lHUERhUWQ3MHRHY3ZJUEF4N28zOWhPVm9HUkY2TEJwamxjUDdDZ3dvcE5FUE1QRk5sV3p6SzRQL1FiU1VPdFM3SWgxa1I5eXRQTWRwSDRxdGcrSGZZRzRwMlovTGt6VE9QZVhSVzc1RDdtR2Y3ZFZsMUdtSy9zRThKRXhNbXRZM3BBcmNKTkV1R2ZmSFdxcG1HQktVUThYbU8vUGFGWEh5TXExbHNtM09hRzB6SERkbzFyUmNoZ0dmTmdrYTVWRnp4ekpMdjVtQTZuanNZSStnNjQwM2xrNndlMUdHR3ptVEZHZzlqL1Zlb1AvcEZKZ0t5T3JJcHRHT1ZwbGkxanhnTUUvaG1CYk9INjNPa0kvYmZ6OHljMG1RNThHbVh5T0xsMTZlSjBsdkxaU1F4dXhibmZ1Z2hPYk5wUT09IiwiY29udGVudCI6Iltjb250YWN0LWZpZWxkIGxhYmVsPVwiTm9tOlwiIHR5cGU9XCJuYW1lXCIgcmVxdWlyZWQ9XCIxXCJdW2NvbnRhY3QtZmllbGQgbGFiZWw9XCJFLW1haWxcIiB0eXBlPVwiZW1haWxcIiByZXF1aXJlZD1cIjFcIl1bY29udGFjdC1maWVsZCBsYWJlbD1cIkF1IHN1amV0IGRlIGNlIG1lZ2F5YWNodDpcIiB0eXBlPVwidGV4dFwiXVtjb250YWN0LWZpZWxkIGxhYmVsPVwiTWVzc2FnZVwiIHR5cGU9XCJ0ZXh0YXJlYVwiXSIsImhhc2giOiJmYTZmYmQxMWZkNjNkYzg2M2I3ZGI2ODA1Y2FjZjFhMzk0MmU3MWM3Iiwic291cmNlIjp7ImVudHJ5X3RpdGxlIjoiU3Vuc2Vla2VyIDk1IFlhY2h0IDIwMjMgJDcsMjQ5LDAwMCB1c2QgXHUwMGUwIHZlbmRyZSIsImVudHJ5X3BhZ2UiOjEsInNvdXJjZV9pZCI6MTY1NTE3LCJzb3VyY2VfdHlwZSI6InNpbmdsZSIsInJlcXVlc3RfdXJsIjoiaHR0cHM6Ly9pdGF5YWNodHNjYW5hZGEuY29tL2ZyL3dwLWpzb24vd3AvdjIvbGlzdGluZy8xNjU1MTcifSwidmVyc2lvbiI6MiwiY2lwaGVyIjoiYWVzLTI1Ni1nY20ifQ.0bLCypBaEwK7sM2oR-lmN9d-BEHNinK8gAjnkp9aKDo' \/>\n\n<div style=\"\"  data-wp-interactive=\"jetpack\/form\" data-wp-context='{\"fieldId\":\"g165517-nom\",\"fieldType\":\"name\",\"fieldLabel\":\"Nom:\",\"fieldValue\":\"\",\"fieldPlaceholder\":\"\",\"fieldIsRequired\":\"1\",\"fieldErrorMessage\":\"\",\"fieldExtra\":[],\"formHash\":\"fa6fbd11fd63dc863b7db6805cacf1a3942e71c7\"}'  class='grunion-field-name-wrap grunion-field-wrap'  data-wp-init='callbacks.initializeField' data-wp-on--jetpack-form-reset='callbacks.initializeField' >\n<label\n\t\t\t\tfor='g165517-nom' class=\"grunion-field-label name\" >Nom:<span class=\"grunion-label-required\" aria-hidden=\"true\">(obligatoire)<\/span><\/label>\n<input\n\t\t\t\t\ttype='text'\n\t\t\t\t\tname='g165517-nom'\n\t\t\t\t\tid='g165517-nom'\n\t\t\t\t\tvalue=''\n\n\t\t\t\t\tdata-wp-bind--aria-invalid='state.fieldAriaInvalid'\n\t\t\t\t\tdata-wp-bind--value='state.getFieldValue'\n\t\t\t\t\taria-describedby='g165517-nom-text-error-message'\n\t\t\t\t\tdata-wp-on--input='actions.onFieldChange'\n\t\t\t\t\tdata-wp-on--blur='actions.onFieldBlur'\n\t\t\t\t\tdata-wp-class--has-value='state.hasFieldValue'\n\n\t\t\t\t\tclass='name  grunion-field' \n\t\t\t\t\trequired='true' aria-required='true'  \/>\n \n\t\t\t<div id=\"g165517-nom-text-error\" class=\"contact-form__input-error\" data-wp-class--has-errors=\"state.fieldHasErrors\">\n\t\t\t\t<span class=\"contact-form__warning-icon\" aria-hidden=\"true\">\n\t\t\t\t\t<svg width=\"16\" height=\"16\" viewBox=\"0 0 16 16\" fill=\"none\" xmlns=\"http:\/\/www.w3.org\/2000\/svg\">\n\t\t\t\t\t\t<path d=\"M8.50015 11.6402H7.50015V10.6402H8.50015V11.6402Z\" \/>\n\t\t\t\t\t\t<path d=\"M7.50015 9.64018H8.50015V6.30684H7.50015V9.64018Z\" \/>\n\t\t\t\t\t\t<path fill-rule=\"evenodd\" clip-rule=\"evenodd\" d=\"M6.98331 3.0947C7.42933 2.30177 8.57096 2.30177 9.01698 3.09469L13.8771 11.7349C14.3145 12.5126 13.7525 13.4735 12.8602 13.4735H3.14004C2.24774 13.4735 1.68575 12.5126 2.12321 11.7349L6.98331 3.0947ZM8.14541 3.58496C8.08169 3.47168 7.9186 3.47168 7.85488 3.58496L2.99478 12.2251C2.93229 12.3362 3.01257 12.4735 3.14004 12.4735H12.8602C12.9877 12.4735 13.068 12.3362 13.0055 12.2251L8.14541 3.58496Z\" \/>\n\t\t\t\t\t<\/svg>\n\t\t\t\t<\/span>\n\t\t\t\t<span data-wp-text=\"state.errorMessage\" id=\"g165517-nom-text-error-message\"><\/span>\n\t\t\t<\/div> \n\t<\/div>\n\n<div style=\"\"  data-wp-interactive=\"jetpack\/form\" data-wp-context='{\"fieldId\":\"g165517-email\",\"fieldType\":\"email\",\"fieldLabel\":\"E-mail\",\"fieldValue\":\"\",\"fieldPlaceholder\":\"\",\"fieldIsRequired\":\"1\",\"fieldErrorMessage\":\"\",\"fieldExtra\":[],\"formHash\":\"fa6fbd11fd63dc863b7db6805cacf1a3942e71c7\"}'  class='grunion-field-email-wrap grunion-field-wrap'  data-wp-init='callbacks.initializeField' data-wp-on--jetpack-form-reset='callbacks.initializeField' >\n<label\n\t\t\t\tfor='g165517-email' class=\"grunion-field-label email\" >E-mail<span class=\"grunion-label-required\" aria-hidden=\"true\">(obligatoire)<\/span><\/label>\n<input\n\t\t\t\t\ttype='email'\n\t\t\t\t\tname='g165517-email'\n\t\t\t\t\tid='g165517-email'\n\t\t\t\t\tvalue=''\n\n\t\t\t\t\tdata-wp-bind--aria-invalid='state.fieldAriaInvalid'\n\t\t\t\t\tdata-wp-bind--value='state.getFieldValue'\n\t\t\t\t\taria-describedby='g165517-email-email-error-message'\n\t\t\t\t\tdata-wp-on--input='actions.onFieldChange'\n\t\t\t\t\tdata-wp-on--blur='actions.onFieldBlur'\n\t\t\t\t\tdata-wp-class--has-value='state.hasFieldValue'\n\n\t\t\t\t\tclass='email  grunion-field' \n\t\t\t\t\trequired='true' aria-required='true'  \/>\n \n\t\t\t<div id=\"g165517-email-email-error\" class=\"contact-form__input-error\" data-wp-class--has-errors=\"state.fieldHasErrors\">\n\t\t\t\t<span class=\"contact-form__warning-icon\" aria-hidden=\"true\">\n\t\t\t\t\t<svg width=\"16\" height=\"16\" viewBox=\"0 0 16 16\" fill=\"none\" xmlns=\"http:\/\/www.w3.org\/2000\/svg\">\n\t\t\t\t\t\t<path d=\"M8.50015 11.6402H7.50015V10.6402H8.50015V11.6402Z\" \/>\n\t\t\t\t\t\t<path d=\"M7.50015 9.64018H8.50015V6.30684H7.50015V9.64018Z\" \/>\n\t\t\t\t\t\t<path fill-rule=\"evenodd\" clip-rule=\"evenodd\" d=\"M6.98331 3.0947C7.42933 2.30177 8.57096 2.30177 9.01698 3.09469L13.8771 11.7349C14.3145 12.5126 13.7525 13.4735 12.8602 13.4735H3.14004C2.24774 13.4735 1.68575 12.5126 2.12321 11.7349L6.98331 3.0947ZM8.14541 3.58496C8.08169 3.47168 7.9186 3.47168 7.85488 3.58496L2.99478 12.2251C2.93229 12.3362 3.01257 12.4735 3.14004 12.4735H12.8602C12.9877 12.4735 13.068 12.3362 13.0055 12.2251L8.14541 3.58496Z\" \/>\n\t\t\t\t\t<\/svg>\n\t\t\t\t<\/span>\n\t\t\t\t<span data-wp-text=\"state.errorMessage\" id=\"g165517-email-email-error-message\"><\/span>\n\t\t\t<\/div> \n\t<\/div>\n\n<div style=\"\"  data-wp-interactive=\"jetpack\/form\" data-wp-context='{\"fieldId\":\"g165517-ausujetdecemegayacht\",\"fieldType\":\"text\",\"fieldLabel\":\"Au sujet de ce megayacht:\",\"fieldValue\":\"\",\"fieldPlaceholder\":\"\",\"fieldIsRequired\":\"\",\"fieldErrorMessage\":\"\",\"fieldExtra\":[],\"formHash\":\"fa6fbd11fd63dc863b7db6805cacf1a3942e71c7\"}'  class='grunion-field-text-wrap grunion-field-wrap'  data-wp-init='callbacks.initializeField' data-wp-on--jetpack-form-reset='callbacks.initializeField' >\n<label\n\t\t\t\tfor='g165517-ausujetdecemegayacht' class=\"grunion-field-label text\" >Au sujet de ce megayacht:<\/label>\n<input\n\t\t\t\t\ttype='text'\n\t\t\t\t\tname='g165517-ausujetdecemegayacht'\n\t\t\t\t\tid='g165517-ausujetdecemegayacht'\n\t\t\t\t\tvalue=''\n\n\t\t\t\t\tdata-wp-bind--aria-invalid='state.fieldAriaInvalid'\n\t\t\t\t\tdata-wp-bind--value='state.getFieldValue'\n\t\t\t\t\taria-describedby='g165517-ausujetdecemegayacht-text-error-message'\n\t\t\t\t\tdata-wp-on--input='actions.onFieldChange'\n\t\t\t\t\tdata-wp-on--blur='actions.onFieldBlur'\n\t\t\t\t\tdata-wp-class--has-value='state.hasFieldValue'\n\n\t\t\t\t\tclass='text  grunion-field' \n\t\t\t\t\t \/>\n \n\t\t\t<div id=\"g165517-ausujetdecemegayacht-text-error\" class=\"contact-form__input-error\" data-wp-class--has-errors=\"state.fieldHasErrors\">\n\t\t\t\t<span class=\"contact-form__warning-icon\" aria-hidden=\"true\">\n\t\t\t\t\t<svg width=\"16\" height=\"16\" viewBox=\"0 0 16 16\" fill=\"none\" xmlns=\"http:\/\/www.w3.org\/2000\/svg\">\n\t\t\t\t\t\t<path d=\"M8.50015 11.6402H7.50015V10.6402H8.50015V11.6402Z\" \/>\n\t\t\t\t\t\t<path d=\"M7.50015 9.64018H8.50015V6.30684H7.50015V9.64018Z\" \/>\n\t\t\t\t\t\t<path fill-rule=\"evenodd\" clip-rule=\"evenodd\" d=\"M6.98331 3.0947C7.42933 2.30177 8.57096 2.30177 9.01698 3.09469L13.8771 11.7349C14.3145 12.5126 13.7525 13.4735 12.8602 13.4735H3.14004C2.24774 13.4735 1.68575 12.5126 2.12321 11.7349L6.98331 3.0947ZM8.14541 3.58496C8.08169 3.47168 7.9186 3.47168 7.85488 3.58496L2.99478 12.2251C2.93229 12.3362 3.01257 12.4735 3.14004 12.4735H12.8602C12.9877 12.4735 13.068 12.3362 13.0055 12.2251L8.14541 3.58496Z\" \/>\n\t\t\t\t\t<\/svg>\n\t\t\t\t<\/span>\n\t\t\t\t<span data-wp-text=\"state.errorMessage\" id=\"g165517-ausujetdecemegayacht-text-error-message\"><\/span>\n\t\t\t<\/div> \n\t<\/div>\n\n<div style=\"\"  data-wp-interactive=\"jetpack\/form\" data-wp-context='{\"fieldId\":\"g165517-message\",\"fieldType\":\"textarea\",\"fieldLabel\":\"Message\",\"fieldValue\":\"\",\"fieldPlaceholder\":\"\",\"fieldIsRequired\":\"\",\"fieldErrorMessage\":\"\",\"fieldExtra\":[],\"formHash\":\"fa6fbd11fd63dc863b7db6805cacf1a3942e71c7\"}'  class='grunion-field-textarea-wrap grunion-field-wrap'  data-wp-init='callbacks.initializeField' data-wp-on--jetpack-form-reset='callbacks.initializeField' >\n<label\n\t\t\t\tfor='contact-form-comment-g165517-message' class=\"grunion-field-label textarea\" >Message<\/label>\n<textarea\n\t\t                style=''\n\t\t                name='g165517-message'\n\t\t                id='contact-form-comment-g165517-message'\n\t\t                rows='20'\n\t\t\t\t\t\tdata-wp-text='state.getFieldValue'\n\t\t\t\t\t\tdata-wp-on--input='actions.onFieldChange'\n\t\t\t\t\t\tdata-wp-on--blur='actions.onFieldBlur'\n\t\t\t\t\t\tdata-wp-class--has-value='state.hasFieldValue'\n\t\t\t\t\t\taria-describedby='g165517-message-textarea-error-message'\n\t\t\t\t\t\tdata-wp-bind--aria-invalid='state.fieldAriaInvalid'\n\t\t\t\t\t\tclass='textarea  grunion-field'  ><\/textarea>\n \n\t\t\t<div id=\"g165517-message-textarea-error\" class=\"contact-form__input-error\" data-wp-class--has-errors=\"state.fieldHasErrors\">\n\t\t\t\t<span class=\"contact-form__warning-icon\" aria-hidden=\"true\">\n\t\t\t\t\t<svg width=\"16\" height=\"16\" viewBox=\"0 0 16 16\" fill=\"none\" xmlns=\"http:\/\/www.w3.org\/2000\/svg\">\n\t\t\t\t\t\t<path d=\"M8.50015 11.6402H7.50015V10.6402H8.50015V11.6402Z\" \/>\n\t\t\t\t\t\t<path d=\"M7.50015 9.64018H8.50015V6.30684H7.50015V9.64018Z\" \/>\n\t\t\t\t\t\t<path fill-rule=\"evenodd\" clip-rule=\"evenodd\" d=\"M6.98331 3.0947C7.42933 2.30177 8.57096 2.30177 9.01698 3.09469L13.8771 11.7349C14.3145 12.5126 13.7525 13.4735 12.8602 13.4735H3.14004C2.24774 13.4735 1.68575 12.5126 2.12321 11.7349L6.98331 3.0947ZM8.14541 3.58496C8.08169 3.47168 7.9186 3.47168 7.85488 3.58496L2.99478 12.2251C2.93229 12.3362 3.01257 12.4735 3.14004 12.4735H12.8602C12.9877 12.4735 13.068 12.3362 13.0055 12.2251L8.14541 3.58496Z\" \/>\n\t\t\t\t\t<\/svg>\n\t\t\t\t<\/span>\n\t\t\t\t<span data-wp-text=\"state.errorMessage\" id=\"g165517-message-textarea-error-message\"><\/span>\n\t\t\t<\/div>\n\t<\/div>\n\t<p class='contact-submit'>\n<div class=\"contact-form__error\" data-wp-class--show-errors=\"state.showFormErrors\"><span class=\"contact-form__warning-icon\" aria-hidden=\"true\"><i><\/i><\/span><span class=\"contact-form__error-message\" tabindex=\"-1\" data-wp-watch=\"callbacks.focusOnValidationError\" data-wp-text=\"state.getFormErrorMessage\"><\/span><ul aria-label=\"Erreurs de formulaire\">\n\t\t\t\t<template data-wp-each=\"state.getErrorList\" data-wp-key=\"context.item.id\">\n\t\t\t\t\t<li><a data-wp-bind--href=\"context.item.anchor\" data-wp-on--click=\"actions.scrollIntoView\" data-wp-text=\"context.item.label\"><\/a><\/li>\n\t\t\t\t<\/template>\n\t\t\t\t<\/ul><\/div><div class=\"contact-form__error\" data-wp-class--show-errors=\"state.showSubmissionError\" data-wp-text=\"context.submissionError\" tabindex=\"-1\" data-wp-watch=\"callbacks.focusOnSubmissionError\"><\/div>\t\t<button type='submit' class='pushbutton-wide'>Envoyer<\/button>\t\t<input type='hidden' name='contact-form-id' value='165517' \/>\n\t\t<input type='hidden' name='action' value='grunion-contact-form' \/>\n\t\t<input type='hidden' name='contact-form-hash' value='fa6fbd11fd63dc863b7db6805cacf1a3942e71c7' \/>\n\t<\/p>\n<p style=\"display: none !important;\" class=\"akismet-fields-container\" data-prefix=\"ak_\"><label>&#916;<textarea name=\"ak_hp_textarea\" cols=\"45\" rows=\"8\" maxlength=\"100\"><\/textarea><\/label><input type=\"hidden\" id=\"ak_js_1\" name=\"ak_js\" value=\"75\"\/><script type=\"text\/javascript\">\n\/* <![CDATA[ *\/\ndocument.getElementById( \"ak_js_1\" ).setAttribute( \"value\", ( new Date() ).getTime() );\n\/* ]]> *\/\n<\/script>\n<\/p><\/form>\n<\/div>\n<p>&nbsp;<\/p>\n<p>&nbsp;<\/p>\n<\/div>\n<\/div>\n","protected":false},"excerpt":{"rendered":"<p>Sunseeker 95 Yacht 2023 $7,249,000 usd \u00e0 vendre \u00ab Trigger Happy est un Sunseeker 95&prime; Yacht de 2023 qui peut accueillir jusqu&rsquo;\u00e0 10 invit\u00e9s dans 5 cabines, avec 4 membres d&rsquo;\u00e9quipage dans ses quartiers d&rsquo;\u00e9quipage. Il est \u00e9quip\u00e9 de deux MTU 12V 2000, de trois g\u00e9n\u00e9rateurs Kohler de 35kW et d&rsquo;un dessalinisateur de 1850 GPD &hellip; <a href=\"https:\/\/itayachtscanada.com\/fr\/listing\/sunseeker-95-yacht-2023-9499000-usd-for-sale\/\" class=\"more-link\">Lire la suite <span class=\"screen-reader-text\">Sunseeker 95 Yacht 2023 $7,249,000 usd \u00e0 vendre<\/span> <span class=\"meta-nav\">&rarr;<\/span><\/a><\/p>\n","protected":false},"author":119081455,"featured_media":165524,"parent":0,"menu_order":0,"comment_status":"open","ping_status":"open","template":"","format":"standard","meta":{"_coblocks_attr":"","_coblocks_dimensions":"","_coblocks_responsive_height":"","_coblocks_accordion_ie_support":"","_lmt_disableupdate":"no","_lmt_disable":"no","advanced_seo_description":"","jetpack_seo_html_title":"","jetpack_seo_noindex":false,"footnotes":""},"manufacturer":[6427],"prix":[6790],"years":[6465],"length_feet":[6591],"boat_type":[6466],"price_range":[6583],"localisations":[6867],"numyacht":[9482],"datevente":[9452,10530,10644,10855,11111,11221],"country":[10755],"states":[10770],"city":[10812],"fresh-water-boat":[10809],"broker":[10891],"migration":[10888],"class_list":["post-165517","listing","type-listing","status-publish","format-standard","has-post-thumbnail","hentry","manufacturer-sunseeker","prix-6790","years-6465","length_feet-between-90-and-99-feets","boat_type-megayacht","price_range-7000000-9999999","localisations-united-states-of-america","numyacht-9482","datevente-2025-05-25","datevente-2025-07-21","datevente-2025-09-16","datevente-2025-11-12","datevente-2026-01-10","datevente-2026-03-10","country-united-states","states-floride","city-fort-lauderdale","fresh-water-boat-non","broker-northrop-ou-allieds","migration-non"],"translation":{"provider":"WPGlobus","version":"2.12.2","language":"fr","enabled_languages":["en","fr"],"languages":{"en":{"title":true,"content":true,"excerpt":false},"fr":{"title":true,"content":true,"excerpt":false}}},"jetpack_likes_enabled":true,"jetpack_sharing_enabled":true,"_links":{"self":[{"href":"https:\/\/itayachtscanada.com\/fr\/wp-json\/wp\/v2\/listing\/165517","targetHints":{"allow":["GET"]}}],"collection":[{"href":"https:\/\/itayachtscanada.com\/fr\/wp-json\/wp\/v2\/listing"}],"about":[{"href":"https:\/\/itayachtscanada.com\/fr\/wp-json\/wp\/v2\/types\/listing"}],"author":[{"embeddable":true,"href":"https:\/\/itayachtscanada.com\/fr\/wp-json\/wp\/v2\/users\/119081455"}],"replies":[{"embeddable":true,"href":"https:\/\/itayachtscanada.com\/fr\/wp-json\/wp\/v2\/comments?post=165517"}],"version-history":[{"count":12,"href":"https:\/\/itayachtscanada.com\/fr\/wp-json\/wp\/v2\/listing\/165517\/revisions"}],"predecessor-version":[{"id":260581,"href":"https:\/\/itayachtscanada.com\/fr\/wp-json\/wp\/v2\/listing\/165517\/revisions\/260581"}],"wp:featuredmedia":[{"embeddable":true,"href":"https:\/\/itayachtscanada.com\/fr\/wp-json\/wp\/v2\/media\/165524"}],"wp:attachment":[{"href":"https:\/\/itayachtscanada.com\/fr\/wp-json\/wp\/v2\/media?parent=165517"}],"wp:term":[{"taxonomy":"manufacturer","embeddable":true,"href":"https:\/\/itayachtscanada.com\/fr\/wp-json\/wp\/v2\/manufacturer?post=165517"},{"taxonomy":"prix","embeddable":true,"href":"https:\/\/itayachtscanada.com\/fr\/wp-json\/wp\/v2\/prix?post=165517"},{"taxonomy":"years","embeddable":true,"href":"https:\/\/itayachtscanada.com\/fr\/wp-json\/wp\/v2\/years?post=165517"},{"taxonomy":"length_feet","embeddable":true,"href":"https:\/\/itayachtscanada.com\/fr\/wp-json\/wp\/v2\/length_feet?post=165517"},{"taxonomy":"boat_type","embeddable":true,"href":"https:\/\/itayachtscanada.com\/fr\/wp-json\/wp\/v2\/boat_type?post=165517"},{"taxonomy":"price_range","embeddable":true,"href":"https:\/\/itayachtscanada.com\/fr\/wp-json\/wp\/v2\/price_range?post=165517"},{"taxonomy":"localisations","embeddable":true,"href":"https:\/\/itayachtscanada.com\/fr\/wp-json\/wp\/v2\/localisations?post=165517"},{"taxonomy":"numyacht","embeddable":true,"href":"https:\/\/itayachtscanada.com\/fr\/wp-json\/wp\/v2\/numyacht?post=165517"},{"taxonomy":"datevente","embeddable":true,"href":"https:\/\/itayachtscanada.com\/fr\/wp-json\/wp\/v2\/datevente?post=165517"},{"taxonomy":"country","embeddable":true,"href":"https:\/\/itayachtscanada.com\/fr\/wp-json\/wp\/v2\/country?post=165517"},{"taxonomy":"states","embeddable":true,"href":"https:\/\/itayachtscanada.com\/fr\/wp-json\/wp\/v2\/states?post=165517"},{"taxonomy":"city","embeddable":true,"href":"https:\/\/itayachtscanada.com\/fr\/wp-json\/wp\/v2\/city?post=165517"},{"taxonomy":"fresh-water-boat","embeddable":true,"href":"https:\/\/itayachtscanada.com\/fr\/wp-json\/wp\/v2\/fresh-water-boat?post=165517"},{"taxonomy":"broker","embeddable":true,"href":"https:\/\/itayachtscanada.com\/fr\/wp-json\/wp\/v2\/broker?post=165517"},{"taxonomy":"migration","embeddable":true,"href":"https:\/\/itayachtscanada.com\/fr\/wp-json\/wp\/v2\/migration?post=165517"}],"curies":[{"name":"wp","href":"https:\/\/api.w.org\/{rel}","templated":true}]}}