{"id":142402,"date":"2023-11-22T10:57:29","date_gmt":"2023-11-22T15:57:29","guid":{"rendered":"https:\/\/itayachtscanada.com\/?post_type=listing&#038;p=142402"},"modified":"2026-04-09T09:34:51","modified_gmt":"2026-04-09T13:34:51","slug":"aicon-66-vivere-2024-3695000-usd-for-sale","status":"publish","type":"listing","link":"https:\/\/itayachtscanada.com\/fr\/listing\/aicon-66-vivere-2024-3695000-usd-for-sale\/","title":{"rendered":"Aicon 66 Vivere 2024 $3,299,990 usd \u00e0 vendre"},"content":{"rendered":"<p><strong>Aicon 66 Vivere 2024 $3,299,990 usd \u00e0 vendre<\/strong><\/p>\n<div class=\"html-content-description\">\n<p>Pr\u00e9sentation de l&rsquo;Aicon Vivere 66&prime; &#8211; Une vision du yachting de luxe red\u00e9finie<\/p>\n<p>Montez \u00e0 bord de l&rsquo;Aicon Vivere 66 et vous comprendrez imm\u00e9diatement que vous entrez dans un monde de sophistication et d&rsquo;innovation in\u00e9gal\u00e9es. Ce navire remarquable transcende les limites de sa cat\u00e9gorie de march\u00e9, en offrant des caract\u00e9ristiques et un niveau de redondance g\u00e9n\u00e9ralement r\u00e9serv\u00e9s \u00e0 des yachts beaucoup plus grands. L&rsquo;Aicon Vivere 66 t\u00e9moigne des possibilit\u00e9s illimit\u00e9es de conception et de personnalisation des yachts, et vous invite \u00e0 vous embarquer dans une aventure nautique sans pr\u00e9c\u00e9dent.<\/p>\n<p>Quatre cabines, trois salles d&rsquo;eau &#8211; des possibilit\u00e9s infinies : Votre voyage commence avec trois cabines m\u00e9ticuleusement con\u00e7ues, chacune \u00e9tant un havre de confort et d&rsquo;opulence. L&rsquo;Aicon Vivere 66 offre une abondance d&rsquo;espace de vie, un t\u00e9moignage de l&rsquo;artisanat italien qui se procure les meilleurs mat\u00e9riaux dans les montagnes pittoresques de l&rsquo;Italie. Mais ce qui distingue vraiment ce yacht, c&rsquo;est son caract\u00e8re personnalisable. Nous comprenons que vos pr\u00e9f\u00e9rences sont uniques, et nous nous sommes donn\u00e9 pour mission de cr\u00e9er un navire qui s&rsquo;aligne parfaitement sur vos d\u00e9sirs et vos go\u00fbts. Votre Aicon est plus qu&rsquo;un simple yacht, c&rsquo;est une extension de votre individualit\u00e9.<\/p>\n<h3>Cet Aicon 66 Vivere est situ\u00e9 \u00e0 Fort Lauderdale, veuillez nous contacter au 514-521-1221 pour tous les d\u00e9tails concernant cet Aicon Yachts 66 Vivere fabriqu\u00e9 en Italie, notre bureau est situ\u00e9 en banlieue de Montr\u00e9al.<\/h3>\n<p>Une nouvelle version de l&rsquo;Aicon 66 Vivere sera disponible en 2024 avec un am\u00e9nagement diff\u00e9rent. Il s&rsquo;appellera le Vivere 68 et la cuisine se trouvera d\u00e9sormais \u00e0 l&rsquo;entr\u00e9e du yacht, pr\u00e8s de la porte patio. La configuration du pont inf\u00e9rieur restera la m\u00eame.<\/p>\n<p>&nbsp;<\/p>\n<p>LONGUEUR HORS TOUT &#8211; 71&rsquo;4\u2033.<\/p>\n<p>Largeur : 17&rsquo;6\u2033.<\/p>\n<p>Tirant d&rsquo;eau : 5&rsquo;3\u2033.<\/p>\n<p>Cabines | 3 ou 4<\/p>\n<p>Salles d&rsquo;eau | 4<\/p>\n<p>\u00c9quipage | 1 ou 2<\/p>\n<p>Chef d&rsquo;\u00e9quipage | 1<\/p>\n<p>R\u00e9servoir d&rsquo;eau douce : 264 gal.<\/p>\n<p>R\u00e9servoir de carburant : 965 gal US<\/p>\n<p>R\u00e9servoir d&rsquo;eaux us\u00e9es : 100 gal.<\/p>\n<\/div>\n<p>MOTEURS (heures = 115)\u00a0 :<\/p>\n<p>2 x \u00a0MAN 1300hp<\/p>\n<p>&nbsp;<\/p>\n<div class=\"html-content-description\">\n<p>Entra\u00eenement : Inboard-Straight-lines-haft\/props<br \/>\n*** Optimisation pour un faible tirant d&rsquo;eau, une grande efficacit\u00e9 et de faibles vibrations***.<\/p>\n<p>Coque en V profond &#8211; Entr\u00e9e avant tr\u00e8s prononc\u00e9e avec une l\u00e9g\u00e8re pente vers l&rsquo;avant.<br \/>\nCarolina Sport Fish Flare Une attention toute particuli\u00e8re a \u00e9t\u00e9 port\u00e9e \u00e0 l&rsquo;entr\u00e9e en douceur et \u00e0 la conduite au sec.<br \/>\nCoque Offshore haute performance.<\/p>\n<p>Vitesse Std Pwr | Croisi\u00e8re 26kn &#8211; max 30kn<\/p>\n<p>Vitesse Opt Pwr | Croisi\u00e8re 27kn &#8211; max 31kn<\/p>\n<div class=\"tiled-gallery type-rectangular tiled-gallery-unresized\" data-original-width=\"700\" data-carousel-extra='{&quot;blog_id&quot;:1,&quot;permalink&quot;:&quot;https:\\\/\\\/itayachtscanada.com\\\/fr\\\/listing\\\/aicon-66-vivere-2024-3695000-usd-for-sale\\\/&quot;,&quot;likes_blog_id&quot;:198557287}' itemscope itemtype=\"http:\/\/schema.org\/ImageGallery\" > <div class=\"gallery-row\" style=\"width: 700px; height: 482px;\" data-original-width=\"700\" data-original-height=\"482\" > <div class=\"gallery-group images-2\" style=\"width: 339px; height: 482px;\" data-original-width=\"339\" data-original-height=\"482\" > <div class=\"tiled-gallery-item tiled-gallery-item-large\" itemprop=\"associatedMedia\" itemscope itemtype=\"http:\/\/schema.org\/ImageObject\"> <a href=\"https:\/\/itayachtscanada.com\/fr\/listing\/aicon-66-vivere-2024-3695000-usd-for-sale\/capture-decran-le-2023-11-22-a-09-05-52\/\" border=\"0\" itemprop=\"url\"> <meta itemprop=\"width\" content=\"335\"> <meta itemprop=\"height\" content=\"224\"> <img decoding=\"async\" class=\"\" data-attachment-id=\"142412\" data-orig-file=\"https:\/\/itayachtscanada.com\/wp-content\/uploads\/2023\/11\/Capture-decran-le-2023-11-22-a-09.05.52.png\" data-orig-size=\"1612,1076\" data-comments-opened=\"1\" data-image-meta=\"{&quot;aperture&quot;:&quot;0&quot;,&quot;credit&quot;:&quot;&quot;,&quot;camera&quot;:&quot;&quot;,&quot;caption&quot;:&quot;&quot;,&quot;created_timestamp&quot;:&quot;0&quot;,&quot;copyright&quot;:&quot;&quot;,&quot;focal_length&quot;:&quot;0&quot;,&quot;iso&quot;:&quot;0&quot;,&quot;shutter_speed&quot;:&quot;0&quot;,&quot;title&quot;:&quot;&quot;,&quot;orientation&quot;:&quot;0&quot;}\" data-image-title=\"Capture d\u2019\u00e9cran, le 2023-11-22 \u00e0 09.05.52\" data-image-description=\"\" data-medium-file=\"https:\/\/i0.wp.com\/itayachtscanada.com\/wp-content\/uploads\/2023\/11\/Capture-decran-le-2023-11-22-a-09.05.52.png?fit=300%2C200&#038;ssl=1\" data-large-file=\"https:\/\/i0.wp.com\/itayachtscanada.com\/wp-content\/uploads\/2023\/11\/Capture-decran-le-2023-11-22-a-09.05.52.png?fit=700%2C468&#038;ssl=1\" src=\"https:\/\/i0.wp.com\/itayachtscanada.com\/wp-content\/uploads\/2023\/11\/Capture-decran-le-2023-11-22-a-09.05.52.png?w=335&#038;h=224&#038;ssl=1\" srcset=\"https:\/\/i0.wp.com\/itayachtscanada.com\/wp-content\/uploads\/2023\/11\/Capture-decran-le-2023-11-22-a-09.05.52.png?w=1612&amp;ssl=1 1612w, https:\/\/i0.wp.com\/itayachtscanada.com\/wp-content\/uploads\/2023\/11\/Capture-decran-le-2023-11-22-a-09.05.52.png?resize=300%2C200&amp;ssl=1 300w, https:\/\/i0.wp.com\/itayachtscanada.com\/wp-content\/uploads\/2023\/11\/Capture-decran-le-2023-11-22-a-09.05.52.png?resize=1024%2C684&amp;ssl=1 1024w, https:\/\/i0.wp.com\/itayachtscanada.com\/wp-content\/uploads\/2023\/11\/Capture-decran-le-2023-11-22-a-09.05.52.png?resize=768%2C513&amp;ssl=1 768w, https:\/\/i0.wp.com\/itayachtscanada.com\/wp-content\/uploads\/2023\/11\/Capture-decran-le-2023-11-22-a-09.05.52.png?resize=1536%2C1025&amp;ssl=1 1536w, https:\/\/i0.wp.com\/itayachtscanada.com\/wp-content\/uploads\/2023\/11\/Capture-decran-le-2023-11-22-a-09.05.52.png?resize=1200%2C801&amp;ssl=1 1200w, https:\/\/i0.wp.com\/itayachtscanada.com\/wp-content\/uploads\/2023\/11\/Capture-decran-le-2023-11-22-a-09.05.52.png?resize=700%2C467&amp;ssl=1 700w, https:\/\/i0.wp.com\/itayachtscanada.com\/wp-content\/uploads\/2023\/11\/Capture-decran-le-2023-11-22-a-09.05.52.png?resize=900%2C600&amp;ssl=1 900w, https:\/\/i0.wp.com\/itayachtscanada.com\/wp-content\/uploads\/2023\/11\/Capture-decran-le-2023-11-22-a-09.05.52.png?resize=599%2C400&amp;ssl=1 599w, https:\/\/i0.wp.com\/itayachtscanada.com\/wp-content\/uploads\/2023\/11\/Capture-decran-le-2023-11-22-a-09.05.52.png?w=1400&amp;ssl=1 1400w\" width=\"335\" height=\"224\" loading=\"lazy\" data-original-width=\"335\" data-original-height=\"224\" itemprop=\"http:\/\/schema.org\/image\" title=\"Capture d\u2019\u00e9cran, le 2023-11-22 \u00e0 09.05.52\" alt=\"Capture d\u2019\u00e9cran, le 2023-11-22 \u00e0 09.05.52\" style=\"width: 335px; height: 224px;\" \/> <\/a> <\/div> <div class=\"tiled-gallery-item tiled-gallery-item-large\" itemprop=\"associatedMedia\" itemscope itemtype=\"http:\/\/schema.org\/ImageObject\"> <a href=\"https:\/\/itayachtscanada.com\/fr\/listing\/aicon-66-vivere-2024-3695000-usd-for-sale\/capture-decran-le-2023-11-22-a-09-05-11\/\" border=\"0\" itemprop=\"url\"> <meta itemprop=\"width\" content=\"335\"> <meta itemprop=\"height\" content=\"250\"> <img decoding=\"async\" class=\"\" data-attachment-id=\"142414\" data-orig-file=\"https:\/\/itayachtscanada.com\/wp-content\/uploads\/2023\/11\/Capture-decran-le-2023-11-22-a-09.05.11.png\" data-orig-size=\"1440,1076\" data-comments-opened=\"1\" data-image-meta=\"{&quot;aperture&quot;:&quot;0&quot;,&quot;credit&quot;:&quot;&quot;,&quot;camera&quot;:&quot;&quot;,&quot;caption&quot;:&quot;&quot;,&quot;created_timestamp&quot;:&quot;0&quot;,&quot;copyright&quot;:&quot;&quot;,&quot;focal_length&quot;:&quot;0&quot;,&quot;iso&quot;:&quot;0&quot;,&quot;shutter_speed&quot;:&quot;0&quot;,&quot;title&quot;:&quot;&quot;,&quot;orientation&quot;:&quot;0&quot;}\" data-image-title=\"Capture d\u2019\u00e9cran, le 2023-11-22 \u00e0 09.05.11\" data-image-description=\"\" data-medium-file=\"https:\/\/i0.wp.com\/itayachtscanada.com\/wp-content\/uploads\/2023\/11\/Capture-decran-le-2023-11-22-a-09.05.11.png?fit=300%2C224&#038;ssl=1\" data-large-file=\"https:\/\/i0.wp.com\/itayachtscanada.com\/wp-content\/uploads\/2023\/11\/Capture-decran-le-2023-11-22-a-09.05.11.png?fit=700%2C523&#038;ssl=1\" src=\"https:\/\/i0.wp.com\/itayachtscanada.com\/wp-content\/uploads\/2023\/11\/Capture-decran-le-2023-11-22-a-09.05.11.png?w=335&#038;h=250&#038;ssl=1\" srcset=\"https:\/\/i0.wp.com\/itayachtscanada.com\/wp-content\/uploads\/2023\/11\/Capture-decran-le-2023-11-22-a-09.05.11.png?w=1440&amp;ssl=1 1440w, https:\/\/i0.wp.com\/itayachtscanada.com\/wp-content\/uploads\/2023\/11\/Capture-decran-le-2023-11-22-a-09.05.11.png?resize=300%2C224&amp;ssl=1 300w, https:\/\/i0.wp.com\/itayachtscanada.com\/wp-content\/uploads\/2023\/11\/Capture-decran-le-2023-11-22-a-09.05.11.png?resize=1024%2C765&amp;ssl=1 1024w, https:\/\/i0.wp.com\/itayachtscanada.com\/wp-content\/uploads\/2023\/11\/Capture-decran-le-2023-11-22-a-09.05.11.png?resize=768%2C574&amp;ssl=1 768w, https:\/\/i0.wp.com\/itayachtscanada.com\/wp-content\/uploads\/2023\/11\/Capture-decran-le-2023-11-22-a-09.05.11.png?resize=1200%2C897&amp;ssl=1 1200w, https:\/\/i0.wp.com\/itayachtscanada.com\/wp-content\/uploads\/2023\/11\/Capture-decran-le-2023-11-22-a-09.05.11.png?resize=800%2C600&amp;ssl=1 800w, https:\/\/i0.wp.com\/itayachtscanada.com\/wp-content\/uploads\/2023\/11\/Capture-decran-le-2023-11-22-a-09.05.11.png?resize=600%2C450&amp;ssl=1 600w, https:\/\/i0.wp.com\/itayachtscanada.com\/wp-content\/uploads\/2023\/11\/Capture-decran-le-2023-11-22-a-09.05.11.png?resize=400%2C300&amp;ssl=1 400w, https:\/\/i0.wp.com\/itayachtscanada.com\/wp-content\/uploads\/2023\/11\/Capture-decran-le-2023-11-22-a-09.05.11.png?resize=200%2C150&amp;ssl=1 200w, https:\/\/i0.wp.com\/itayachtscanada.com\/wp-content\/uploads\/2023\/11\/Capture-decran-le-2023-11-22-a-09.05.11.png?resize=700%2C523&amp;ssl=1 700w, https:\/\/i0.wp.com\/itayachtscanada.com\/wp-content\/uploads\/2023\/11\/Capture-decran-le-2023-11-22-a-09.05.11.png?resize=535%2C400&amp;ssl=1 535w\" width=\"335\" height=\"250\" loading=\"lazy\" data-original-width=\"335\" data-original-height=\"250\" itemprop=\"http:\/\/schema.org\/image\" title=\"Capture d\u2019\u00e9cran, le 2023-11-22 \u00e0 09.05.11\" alt=\"Capture d\u2019\u00e9cran, le 2023-11-22 \u00e0 09.05.11\" style=\"width: 335px; height: 250px;\" \/> <\/a> <\/div> <\/div> <!-- close group --> <div class=\"gallery-group images-1\" style=\"width: 361px; height: 482px;\" data-original-width=\"361\" data-original-height=\"482\" > <div class=\"tiled-gallery-item tiled-gallery-item-large\" itemprop=\"associatedMedia\" itemscope itemtype=\"http:\/\/schema.org\/ImageObject\"> <a href=\"https:\/\/itayachtscanada.com\/fr\/listing\/aicon-66-vivere-2024-3695000-usd-for-sale\/capture-decran-le-2023-11-22-a-09-05-03\/\" border=\"0\" itemprop=\"url\"> <meta itemprop=\"width\" content=\"357\"> <meta itemprop=\"height\" content=\"478\"> <img decoding=\"async\" class=\"\" data-attachment-id=\"142415\" data-orig-file=\"https:\/\/itayachtscanada.com\/wp-content\/uploads\/2023\/11\/Capture-decran-le-2023-11-22-a-09.05.03.png\" data-orig-size=\"802,1076\" data-comments-opened=\"1\" data-image-meta=\"{&quot;aperture&quot;:&quot;0&quot;,&quot;credit&quot;:&quot;&quot;,&quot;camera&quot;:&quot;&quot;,&quot;caption&quot;:&quot;&quot;,&quot;created_timestamp&quot;:&quot;0&quot;,&quot;copyright&quot;:&quot;&quot;,&quot;focal_length&quot;:&quot;0&quot;,&quot;iso&quot;:&quot;0&quot;,&quot;shutter_speed&quot;:&quot;0&quot;,&quot;title&quot;:&quot;&quot;,&quot;orientation&quot;:&quot;0&quot;}\" data-image-title=\"Capture d\u2019\u00e9cran, le 2023-11-22 \u00e0 09.05.03\" data-image-description=\"\" data-medium-file=\"https:\/\/i0.wp.com\/itayachtscanada.com\/wp-content\/uploads\/2023\/11\/Capture-decran-le-2023-11-22-a-09.05.03.png?fit=224%2C300&#038;ssl=1\" data-large-file=\"https:\/\/i0.wp.com\/itayachtscanada.com\/wp-content\/uploads\/2023\/11\/Capture-decran-le-2023-11-22-a-09.05.03.png?fit=700%2C939&#038;ssl=1\" src=\"https:\/\/i0.wp.com\/itayachtscanada.com\/wp-content\/uploads\/2023\/11\/Capture-decran-le-2023-11-22-a-09.05.03.png?w=357&#038;h=478&#038;ssl=1\" srcset=\"https:\/\/i0.wp.com\/itayachtscanada.com\/wp-content\/uploads\/2023\/11\/Capture-decran-le-2023-11-22-a-09.05.03.png?w=802&amp;ssl=1 802w, https:\/\/i0.wp.com\/itayachtscanada.com\/wp-content\/uploads\/2023\/11\/Capture-decran-le-2023-11-22-a-09.05.03.png?resize=224%2C300&amp;ssl=1 224w, https:\/\/i0.wp.com\/itayachtscanada.com\/wp-content\/uploads\/2023\/11\/Capture-decran-le-2023-11-22-a-09.05.03.png?resize=763%2C1024&amp;ssl=1 763w, https:\/\/i0.wp.com\/itayachtscanada.com\/wp-content\/uploads\/2023\/11\/Capture-decran-le-2023-11-22-a-09.05.03.png?resize=768%2C1030&amp;ssl=1 768w, https:\/\/i0.wp.com\/itayachtscanada.com\/wp-content\/uploads\/2023\/11\/Capture-decran-le-2023-11-22-a-09.05.03.png?resize=150%2C200&amp;ssl=1 150w, https:\/\/i0.wp.com\/itayachtscanada.com\/wp-content\/uploads\/2023\/11\/Capture-decran-le-2023-11-22-a-09.05.03.png?resize=700%2C939&amp;ssl=1 700w, https:\/\/i0.wp.com\/itayachtscanada.com\/wp-content\/uploads\/2023\/11\/Capture-decran-le-2023-11-22-a-09.05.03.png?resize=298%2C400&amp;ssl=1 298w\" width=\"357\" height=\"478\" loading=\"lazy\" data-original-width=\"357\" data-original-height=\"478\" itemprop=\"http:\/\/schema.org\/image\" title=\"Capture d\u2019\u00e9cran, le 2023-11-22 \u00e0 09.05.03\" alt=\"Capture d\u2019\u00e9cran, le 2023-11-22 \u00e0 09.05.03\" style=\"width: 357px; height: 478px;\" \/> <\/a> <\/div> <\/div> <!-- close group --> <\/div> <!-- close row --> <div class=\"gallery-row\" style=\"width: 700px; height: 312px;\" data-original-width=\"700\" data-original-height=\"312\" > <div class=\"gallery-group images-1\" style=\"width: 235px; height: 312px;\" data-original-width=\"235\" data-original-height=\"312\" > <div class=\"tiled-gallery-item tiled-gallery-item-small\" itemprop=\"associatedMedia\" itemscope itemtype=\"http:\/\/schema.org\/ImageObject\"> <a href=\"https:\/\/itayachtscanada.com\/fr\/listing\/aicon-66-vivere-2024-3695000-usd-for-sale\/capture-decran-le-2023-11-22-a-09-05-18\/\" border=\"0\" itemprop=\"url\"> <meta itemprop=\"width\" content=\"231\"> <meta itemprop=\"height\" content=\"308\"> <img decoding=\"async\" class=\"\" data-attachment-id=\"142413\" data-orig-file=\"https:\/\/itayachtscanada.com\/wp-content\/uploads\/2023\/11\/Capture-decran-le-2023-11-22-a-09.05.18.png\" data-orig-size=\"806,1076\" data-comments-opened=\"1\" data-image-meta=\"{&quot;aperture&quot;:&quot;0&quot;,&quot;credit&quot;:&quot;&quot;,&quot;camera&quot;:&quot;&quot;,&quot;caption&quot;:&quot;&quot;,&quot;created_timestamp&quot;:&quot;0&quot;,&quot;copyright&quot;:&quot;&quot;,&quot;focal_length&quot;:&quot;0&quot;,&quot;iso&quot;:&quot;0&quot;,&quot;shutter_speed&quot;:&quot;0&quot;,&quot;title&quot;:&quot;&quot;,&quot;orientation&quot;:&quot;0&quot;}\" data-image-title=\"Capture d\u2019\u00e9cran, le 2023-11-22 \u00e0 09.05.18\" data-image-description=\"\" data-medium-file=\"https:\/\/i0.wp.com\/itayachtscanada.com\/wp-content\/uploads\/2023\/11\/Capture-decran-le-2023-11-22-a-09.05.18.png?fit=225%2C300&#038;ssl=1\" data-large-file=\"https:\/\/i0.wp.com\/itayachtscanada.com\/wp-content\/uploads\/2023\/11\/Capture-decran-le-2023-11-22-a-09.05.18.png?fit=700%2C935&#038;ssl=1\" src=\"https:\/\/i0.wp.com\/itayachtscanada.com\/wp-content\/uploads\/2023\/11\/Capture-decran-le-2023-11-22-a-09.05.18.png?w=231&#038;h=308&#038;ssl=1\" srcset=\"https:\/\/i0.wp.com\/itayachtscanada.com\/wp-content\/uploads\/2023\/11\/Capture-decran-le-2023-11-22-a-09.05.18.png?w=806&amp;ssl=1 806w, https:\/\/i0.wp.com\/itayachtscanada.com\/wp-content\/uploads\/2023\/11\/Capture-decran-le-2023-11-22-a-09.05.18.png?resize=225%2C300&amp;ssl=1 225w, https:\/\/i0.wp.com\/itayachtscanada.com\/wp-content\/uploads\/2023\/11\/Capture-decran-le-2023-11-22-a-09.05.18.png?resize=767%2C1024&amp;ssl=1 767w, https:\/\/i0.wp.com\/itayachtscanada.com\/wp-content\/uploads\/2023\/11\/Capture-decran-le-2023-11-22-a-09.05.18.png?resize=768%2C1025&amp;ssl=1 768w, https:\/\/i0.wp.com\/itayachtscanada.com\/wp-content\/uploads\/2023\/11\/Capture-decran-le-2023-11-22-a-09.05.18.png?resize=600%2C800&amp;ssl=1 600w, https:\/\/i0.wp.com\/itayachtscanada.com\/wp-content\/uploads\/2023\/11\/Capture-decran-le-2023-11-22-a-09.05.18.png?resize=450%2C600&amp;ssl=1 450w, https:\/\/i0.wp.com\/itayachtscanada.com\/wp-content\/uploads\/2023\/11\/Capture-decran-le-2023-11-22-a-09.05.18.png?resize=300%2C400&amp;ssl=1 300w, https:\/\/i0.wp.com\/itayachtscanada.com\/wp-content\/uploads\/2023\/11\/Capture-decran-le-2023-11-22-a-09.05.18.png?resize=150%2C200&amp;ssl=1 150w, https:\/\/i0.wp.com\/itayachtscanada.com\/wp-content\/uploads\/2023\/11\/Capture-decran-le-2023-11-22-a-09.05.18.png?resize=700%2C934&amp;ssl=1 700w\" width=\"231\" height=\"308\" loading=\"lazy\" data-original-width=\"231\" data-original-height=\"308\" itemprop=\"http:\/\/schema.org\/image\" title=\"Capture d\u2019\u00e9cran, le 2023-11-22 \u00e0 09.05.18\" alt=\"Capture d\u2019\u00e9cran, le 2023-11-22 \u00e0 09.05.18\" style=\"width: 231px; height: 308px;\" \/> <\/a> <\/div> <\/div> <!-- close group --> <div class=\"gallery-group images-1\" style=\"width: 465px; height: 312px;\" data-original-width=\"465\" data-original-height=\"312\" > <div class=\"tiled-gallery-item tiled-gallery-item-large\" itemprop=\"associatedMedia\" itemscope itemtype=\"http:\/\/schema.org\/ImageObject\"> <a href=\"https:\/\/itayachtscanada.com\/fr\/listing\/aicon-66-vivere-2024-3695000-usd-for-sale\/capture-decran-le-2023-11-22-a-09-06-50\/\" border=\"0\" itemprop=\"url\"> <meta itemprop=\"width\" content=\"461\"> <meta itemprop=\"height\" content=\"308\"> <img decoding=\"async\" class=\"\" data-attachment-id=\"142411\" data-orig-file=\"https:\/\/itayachtscanada.com\/wp-content\/uploads\/2023\/11\/Capture-decran-le-2023-11-22-a-09.06.50.png\" data-orig-size=\"1612,1076\" data-comments-opened=\"1\" data-image-meta=\"{&quot;aperture&quot;:&quot;0&quot;,&quot;credit&quot;:&quot;&quot;,&quot;camera&quot;:&quot;&quot;,&quot;caption&quot;:&quot;&quot;,&quot;created_timestamp&quot;:&quot;0&quot;,&quot;copyright&quot;:&quot;&quot;,&quot;focal_length&quot;:&quot;0&quot;,&quot;iso&quot;:&quot;0&quot;,&quot;shutter_speed&quot;:&quot;0&quot;,&quot;title&quot;:&quot;&quot;,&quot;orientation&quot;:&quot;0&quot;}\" data-image-title=\"Capture d\u2019\u00e9cran, le 2023-11-22 \u00e0 09.06.50\" data-image-description=\"\" data-medium-file=\"https:\/\/i0.wp.com\/itayachtscanada.com\/wp-content\/uploads\/2023\/11\/Capture-decran-le-2023-11-22-a-09.06.50.png?fit=300%2C200&#038;ssl=1\" data-large-file=\"https:\/\/i0.wp.com\/itayachtscanada.com\/wp-content\/uploads\/2023\/11\/Capture-decran-le-2023-11-22-a-09.06.50.png?fit=700%2C468&#038;ssl=1\" src=\"https:\/\/i0.wp.com\/itayachtscanada.com\/wp-content\/uploads\/2023\/11\/Capture-decran-le-2023-11-22-a-09.06.50.png?w=461&#038;h=308&#038;ssl=1\" srcset=\"https:\/\/i0.wp.com\/itayachtscanada.com\/wp-content\/uploads\/2023\/11\/Capture-decran-le-2023-11-22-a-09.06.50.png?w=1612&amp;ssl=1 1612w, https:\/\/i0.wp.com\/itayachtscanada.com\/wp-content\/uploads\/2023\/11\/Capture-decran-le-2023-11-22-a-09.06.50.png?resize=300%2C200&amp;ssl=1 300w, https:\/\/i0.wp.com\/itayachtscanada.com\/wp-content\/uploads\/2023\/11\/Capture-decran-le-2023-11-22-a-09.06.50.png?resize=1024%2C684&amp;ssl=1 1024w, https:\/\/i0.wp.com\/itayachtscanada.com\/wp-content\/uploads\/2023\/11\/Capture-decran-le-2023-11-22-a-09.06.50.png?resize=768%2C513&amp;ssl=1 768w, https:\/\/i0.wp.com\/itayachtscanada.com\/wp-content\/uploads\/2023\/11\/Capture-decran-le-2023-11-22-a-09.06.50.png?resize=1536%2C1025&amp;ssl=1 1536w, https:\/\/i0.wp.com\/itayachtscanada.com\/wp-content\/uploads\/2023\/11\/Capture-decran-le-2023-11-22-a-09.06.50.png?resize=1200%2C801&amp;ssl=1 1200w, https:\/\/i0.wp.com\/itayachtscanada.com\/wp-content\/uploads\/2023\/11\/Capture-decran-le-2023-11-22-a-09.06.50.png?resize=700%2C467&amp;ssl=1 700w, https:\/\/i0.wp.com\/itayachtscanada.com\/wp-content\/uploads\/2023\/11\/Capture-decran-le-2023-11-22-a-09.06.50.png?resize=900%2C600&amp;ssl=1 900w, https:\/\/i0.wp.com\/itayachtscanada.com\/wp-content\/uploads\/2023\/11\/Capture-decran-le-2023-11-22-a-09.06.50.png?resize=599%2C400&amp;ssl=1 599w, https:\/\/i0.wp.com\/itayachtscanada.com\/wp-content\/uploads\/2023\/11\/Capture-decran-le-2023-11-22-a-09.06.50.png?w=1400&amp;ssl=1 1400w\" width=\"461\" height=\"308\" loading=\"lazy\" data-original-width=\"461\" data-original-height=\"308\" itemprop=\"http:\/\/schema.org\/image\" title=\"Capture d\u2019\u00e9cran, le 2023-11-22 \u00e0 09.06.50\" alt=\"Capture d\u2019\u00e9cran, le 2023-11-22 \u00e0 09.06.50\" style=\"width: 461px; height: 308px;\" \/> <\/a> <\/div> <\/div> <!-- close group --> <\/div> <!-- close row --> <div class=\"gallery-row\" style=\"width: 700px; height: 291px;\" data-original-width=\"700\" data-original-height=\"291\" > <div class=\"gallery-group images-1\" style=\"width: 700px; height: 291px;\" data-original-width=\"700\" data-original-height=\"291\" > <div class=\"tiled-gallery-item tiled-gallery-item-large\" itemprop=\"associatedMedia\" itemscope itemtype=\"http:\/\/schema.org\/ImageObject\"> <a href=\"https:\/\/itayachtscanada.com\/fr\/listing\/aicon-66-vivere-2024-3695000-usd-for-sale\/capture-decran-le-2023-11-22-a-09-07-34\/\" border=\"0\" itemprop=\"url\"> <meta itemprop=\"width\" content=\"696\"> <meta itemprop=\"height\" content=\"287\"> <img decoding=\"async\" class=\"\" data-attachment-id=\"142409\" data-orig-file=\"https:\/\/itayachtscanada.com\/wp-content\/uploads\/2023\/11\/Capture-decran-le-2023-11-22-a-09.07.34.png\" data-orig-size=\"2348,968\" data-comments-opened=\"1\" data-image-meta=\"{&quot;aperture&quot;:&quot;0&quot;,&quot;credit&quot;:&quot;&quot;,&quot;camera&quot;:&quot;&quot;,&quot;caption&quot;:&quot;&quot;,&quot;created_timestamp&quot;:&quot;0&quot;,&quot;copyright&quot;:&quot;&quot;,&quot;focal_length&quot;:&quot;0&quot;,&quot;iso&quot;:&quot;0&quot;,&quot;shutter_speed&quot;:&quot;0&quot;,&quot;title&quot;:&quot;&quot;,&quot;orientation&quot;:&quot;0&quot;}\" data-image-title=\"Capture d\u2019\u00e9cran, le 2023-11-22 \u00e0 09.07.34\" data-image-description=\"\" data-medium-file=\"https:\/\/i0.wp.com\/itayachtscanada.com\/wp-content\/uploads\/2023\/11\/Capture-decran-le-2023-11-22-a-09.07.34.png?fit=300%2C124&#038;ssl=1\" data-large-file=\"https:\/\/i0.wp.com\/itayachtscanada.com\/wp-content\/uploads\/2023\/11\/Capture-decran-le-2023-11-22-a-09.07.34.png?fit=700%2C288&#038;ssl=1\" src=\"https:\/\/i0.wp.com\/itayachtscanada.com\/wp-content\/uploads\/2023\/11\/Capture-decran-le-2023-11-22-a-09.07.34.png?w=696&#038;h=287&#038;ssl=1\" srcset=\"https:\/\/i0.wp.com\/itayachtscanada.com\/wp-content\/uploads\/2023\/11\/Capture-decran-le-2023-11-22-a-09.07.34.png?w=2348&amp;ssl=1 2348w, https:\/\/i0.wp.com\/itayachtscanada.com\/wp-content\/uploads\/2023\/11\/Capture-decran-le-2023-11-22-a-09.07.34.png?resize=300%2C124&amp;ssl=1 300w, https:\/\/i0.wp.com\/itayachtscanada.com\/wp-content\/uploads\/2023\/11\/Capture-decran-le-2023-11-22-a-09.07.34.png?resize=1024%2C422&amp;ssl=1 1024w, https:\/\/i0.wp.com\/itayachtscanada.com\/wp-content\/uploads\/2023\/11\/Capture-decran-le-2023-11-22-a-09.07.34.png?resize=768%2C317&amp;ssl=1 768w, https:\/\/i0.wp.com\/itayachtscanada.com\/wp-content\/uploads\/2023\/11\/Capture-decran-le-2023-11-22-a-09.07.34.png?resize=1536%2C633&amp;ssl=1 1536w, https:\/\/i0.wp.com\/itayachtscanada.com\/wp-content\/uploads\/2023\/11\/Capture-decran-le-2023-11-22-a-09.07.34.png?resize=2048%2C844&amp;ssl=1 2048w, https:\/\/i0.wp.com\/itayachtscanada.com\/wp-content\/uploads\/2023\/11\/Capture-decran-le-2023-11-22-a-09.07.34.png?resize=1200%2C495&amp;ssl=1 1200w, https:\/\/i0.wp.com\/itayachtscanada.com\/wp-content\/uploads\/2023\/11\/Capture-decran-le-2023-11-22-a-09.07.34.png?resize=700%2C289&amp;ssl=1 700w, https:\/\/i0.wp.com\/itayachtscanada.com\/wp-content\/uploads\/2023\/11\/Capture-decran-le-2023-11-22-a-09.07.34.png?resize=2000%2C825&amp;ssl=1 2000w, https:\/\/i0.wp.com\/itayachtscanada.com\/wp-content\/uploads\/2023\/11\/Capture-decran-le-2023-11-22-a-09.07.34.png?resize=970%2C400&amp;ssl=1 970w, https:\/\/i0.wp.com\/itayachtscanada.com\/wp-content\/uploads\/2023\/11\/Capture-decran-le-2023-11-22-a-09.07.34.png?w=1400&amp;ssl=1 1400w, https:\/\/i0.wp.com\/itayachtscanada.com\/wp-content\/uploads\/2023\/11\/Capture-decran-le-2023-11-22-a-09.07.34.png?w=2100&amp;ssl=1 2100w\" width=\"696\" height=\"287\" loading=\"lazy\" data-original-width=\"696\" data-original-height=\"287\" itemprop=\"http:\/\/schema.org\/image\" title=\"Capture d\u2019\u00e9cran, le 2023-11-22 \u00e0 09.07.34\" alt=\"Capture d\u2019\u00e9cran, le 2023-11-22 \u00e0 09.07.34\" style=\"width: 696px; height: 287px;\" \/> <\/a> <\/div> <\/div> <!-- close group --> <\/div> <!-- close row --> <div class=\"gallery-row\" style=\"width: 700px; height: 199px;\" data-original-width=\"700\" data-original-height=\"199\" > <div class=\"gallery-group images-1\" style=\"width: 350px; height: 199px;\" data-original-width=\"350\" data-original-height=\"199\" > <div class=\"tiled-gallery-item tiled-gallery-item-large\" itemprop=\"associatedMedia\" itemscope itemtype=\"http:\/\/schema.org\/ImageObject\"> <a href=\"https:\/\/itayachtscanada.com\/fr\/listing\/aicon-66-vivere-2024-3695000-usd-for-sale\/flybridge-aicon-66\/\" border=\"0\" itemprop=\"url\"> <meta itemprop=\"width\" content=\"346\"> <meta itemprop=\"height\" content=\"195\"> <img decoding=\"async\" class=\"\" data-attachment-id=\"142467\" data-orig-file=\"https:\/\/itayachtscanada.com\/wp-content\/uploads\/2023\/11\/Flybridge-Aicon-66.jpg\" data-orig-size=\"960,540\" data-comments-opened=\"1\" data-image-meta=\"{&quot;aperture&quot;:&quot;0&quot;,&quot;credit&quot;:&quot;&quot;,&quot;camera&quot;:&quot;&quot;,&quot;caption&quot;:&quot;&quot;,&quot;created_timestamp&quot;:&quot;0&quot;,&quot;copyright&quot;:&quot;&quot;,&quot;focal_length&quot;:&quot;0&quot;,&quot;iso&quot;:&quot;0&quot;,&quot;shutter_speed&quot;:&quot;0&quot;,&quot;title&quot;:&quot;&quot;,&quot;orientation&quot;:&quot;1&quot;}\" data-image-title=\"Flybridge-Aicon 66\" data-image-description=\"\" data-medium-file=\"https:\/\/i0.wp.com\/itayachtscanada.com\/wp-content\/uploads\/2023\/11\/Flybridge-Aicon-66.jpg?fit=300%2C169&#038;ssl=1\" data-large-file=\"https:\/\/i0.wp.com\/itayachtscanada.com\/wp-content\/uploads\/2023\/11\/Flybridge-Aicon-66.jpg?fit=700%2C394&#038;ssl=1\" src=\"https:\/\/i0.wp.com\/itayachtscanada.com\/wp-content\/uploads\/2023\/11\/Flybridge-Aicon-66.jpg?w=346&#038;h=195&#038;ssl=1\" srcset=\"https:\/\/i0.wp.com\/itayachtscanada.com\/wp-content\/uploads\/2023\/11\/Flybridge-Aicon-66.jpg?w=960&amp;ssl=1 960w, https:\/\/i0.wp.com\/itayachtscanada.com\/wp-content\/uploads\/2023\/11\/Flybridge-Aicon-66.jpg?resize=300%2C169&amp;ssl=1 300w, https:\/\/i0.wp.com\/itayachtscanada.com\/wp-content\/uploads\/2023\/11\/Flybridge-Aicon-66.jpg?resize=768%2C432&amp;ssl=1 768w, https:\/\/i0.wp.com\/itayachtscanada.com\/wp-content\/uploads\/2023\/11\/Flybridge-Aicon-66.jpg?resize=700%2C394&amp;ssl=1 700w, https:\/\/i0.wp.com\/itayachtscanada.com\/wp-content\/uploads\/2023\/11\/Flybridge-Aicon-66.jpg?resize=711%2C400&amp;ssl=1 711w\" width=\"346\" height=\"195\" loading=\"lazy\" data-original-width=\"346\" data-original-height=\"195\" itemprop=\"http:\/\/schema.org\/image\" title=\"Flybridge-Aicon 66\" alt=\"Flybridge-Aicon 66\" style=\"width: 346px; height: 195px;\" \/> <\/a> <\/div> <\/div> <!-- close group --> <div class=\"gallery-group images-1\" style=\"width: 350px; height: 199px;\" data-original-width=\"350\" data-original-height=\"199\" > <div class=\"tiled-gallery-item tiled-gallery-item-large\" itemprop=\"associatedMedia\" itemscope itemtype=\"http:\/\/schema.org\/ImageObject\"> <a href=\"https:\/\/itayachtscanada.com\/fr\/listing\/aicon-66-vivere-2024-3695000-usd-for-sale\/flybridge-6-aicon-66\/\" border=\"0\" itemprop=\"url\"> <meta itemprop=\"width\" content=\"346\"> <meta itemprop=\"height\" content=\"195\"> <img decoding=\"async\" class=\"\" data-attachment-id=\"142466\" data-orig-file=\"https:\/\/itayachtscanada.com\/wp-content\/uploads\/2023\/11\/Flybridge-6-aicon-66.jpg\" data-orig-size=\"960,540\" data-comments-opened=\"1\" data-image-meta=\"{&quot;aperture&quot;:&quot;0&quot;,&quot;credit&quot;:&quot;&quot;,&quot;camera&quot;:&quot;&quot;,&quot;caption&quot;:&quot;&quot;,&quot;created_timestamp&quot;:&quot;0&quot;,&quot;copyright&quot;:&quot;&quot;,&quot;focal_length&quot;:&quot;0&quot;,&quot;iso&quot;:&quot;0&quot;,&quot;shutter_speed&quot;:&quot;0&quot;,&quot;title&quot;:&quot;&quot;,&quot;orientation&quot;:&quot;1&quot;}\" data-image-title=\"Flybridge-6 aicon 66\" data-image-description=\"\" data-medium-file=\"https:\/\/i0.wp.com\/itayachtscanada.com\/wp-content\/uploads\/2023\/11\/Flybridge-6-aicon-66.jpg?fit=300%2C169&#038;ssl=1\" data-large-file=\"https:\/\/i0.wp.com\/itayachtscanada.com\/wp-content\/uploads\/2023\/11\/Flybridge-6-aicon-66.jpg?fit=700%2C394&#038;ssl=1\" src=\"https:\/\/i0.wp.com\/itayachtscanada.com\/wp-content\/uploads\/2023\/11\/Flybridge-6-aicon-66.jpg?w=346&#038;h=195&#038;ssl=1\" srcset=\"https:\/\/i0.wp.com\/itayachtscanada.com\/wp-content\/uploads\/2023\/11\/Flybridge-6-aicon-66.jpg?w=960&amp;ssl=1 960w, https:\/\/i0.wp.com\/itayachtscanada.com\/wp-content\/uploads\/2023\/11\/Flybridge-6-aicon-66.jpg?resize=300%2C169&amp;ssl=1 300w, https:\/\/i0.wp.com\/itayachtscanada.com\/wp-content\/uploads\/2023\/11\/Flybridge-6-aicon-66.jpg?resize=768%2C432&amp;ssl=1 768w, https:\/\/i0.wp.com\/itayachtscanada.com\/wp-content\/uploads\/2023\/11\/Flybridge-6-aicon-66.jpg?resize=700%2C394&amp;ssl=1 700w, https:\/\/i0.wp.com\/itayachtscanada.com\/wp-content\/uploads\/2023\/11\/Flybridge-6-aicon-66.jpg?resize=711%2C400&amp;ssl=1 711w\" width=\"346\" height=\"195\" loading=\"lazy\" data-original-width=\"346\" data-original-height=\"195\" itemprop=\"http:\/\/schema.org\/image\" title=\"Flybridge-6 aicon 66\" alt=\"Flybridge-6 aicon 66\" style=\"width: 346px; height: 195px;\" \/> <\/a> <\/div> <\/div> <!-- close group --> <\/div> <!-- close row --> <div class=\"gallery-row\" style=\"width: 700px; height: 178px;\" data-original-width=\"700\" data-original-height=\"178\" > <div class=\"gallery-group images-1\" style=\"width: 314px; height: 178px;\" data-original-width=\"314\" data-original-height=\"178\" > <div class=\"tiled-gallery-item tiled-gallery-item-large\" itemprop=\"associatedMedia\" itemscope itemtype=\"http:\/\/schema.org\/ImageObject\"> <a href=\"https:\/\/itayachtscanada.com\/fr\/listing\/aicon-66-vivere-2024-3695000-usd-for-sale\/flybridge-4-aicon-66\/\" border=\"0\" itemprop=\"url\"> <meta itemprop=\"width\" content=\"310\"> <meta itemprop=\"height\" content=\"174\"> <img decoding=\"async\" class=\"\" data-attachment-id=\"142465\" data-orig-file=\"https:\/\/itayachtscanada.com\/wp-content\/uploads\/2023\/11\/Flybridge-4-aicon-66.jpg\" data-orig-size=\"960,540\" data-comments-opened=\"1\" data-image-meta=\"{&quot;aperture&quot;:&quot;0&quot;,&quot;credit&quot;:&quot;&quot;,&quot;camera&quot;:&quot;&quot;,&quot;caption&quot;:&quot;&quot;,&quot;created_timestamp&quot;:&quot;0&quot;,&quot;copyright&quot;:&quot;&quot;,&quot;focal_length&quot;:&quot;0&quot;,&quot;iso&quot;:&quot;0&quot;,&quot;shutter_speed&quot;:&quot;0&quot;,&quot;title&quot;:&quot;&quot;,&quot;orientation&quot;:&quot;1&quot;}\" data-image-title=\"Flybridge-4 aicon 66\" data-image-description=\"\" data-medium-file=\"https:\/\/i0.wp.com\/itayachtscanada.com\/wp-content\/uploads\/2023\/11\/Flybridge-4-aicon-66.jpg?fit=300%2C169&#038;ssl=1\" data-large-file=\"https:\/\/i0.wp.com\/itayachtscanada.com\/wp-content\/uploads\/2023\/11\/Flybridge-4-aicon-66.jpg?fit=700%2C394&#038;ssl=1\" src=\"https:\/\/i0.wp.com\/itayachtscanada.com\/wp-content\/uploads\/2023\/11\/Flybridge-4-aicon-66.jpg?w=310&#038;h=174&#038;ssl=1\" srcset=\"https:\/\/i0.wp.com\/itayachtscanada.com\/wp-content\/uploads\/2023\/11\/Flybridge-4-aicon-66.jpg?w=960&amp;ssl=1 960w, https:\/\/i0.wp.com\/itayachtscanada.com\/wp-content\/uploads\/2023\/11\/Flybridge-4-aicon-66.jpg?resize=300%2C169&amp;ssl=1 300w, https:\/\/i0.wp.com\/itayachtscanada.com\/wp-content\/uploads\/2023\/11\/Flybridge-4-aicon-66.jpg?resize=768%2C432&amp;ssl=1 768w, https:\/\/i0.wp.com\/itayachtscanada.com\/wp-content\/uploads\/2023\/11\/Flybridge-4-aicon-66.jpg?resize=700%2C394&amp;ssl=1 700w, https:\/\/i0.wp.com\/itayachtscanada.com\/wp-content\/uploads\/2023\/11\/Flybridge-4-aicon-66.jpg?resize=711%2C400&amp;ssl=1 711w\" width=\"310\" height=\"174\" loading=\"lazy\" data-original-width=\"310\" data-original-height=\"174\" itemprop=\"http:\/\/schema.org\/image\" title=\"Flybridge-4 aicon 66\" alt=\"Flybridge-4 aicon 66\" style=\"width: 310px; height: 174px;\" \/> <\/a> <\/div> <\/div> <!-- close group --> <div class=\"gallery-group images-1\" style=\"width: 386px; height: 178px;\" data-original-width=\"386\" data-original-height=\"178\" > <div class=\"tiled-gallery-item tiled-gallery-item-large\" itemprop=\"associatedMedia\" itemscope itemtype=\"http:\/\/schema.org\/ImageObject\"> <a href=\"https:\/\/itayachtscanada.com\/fr\/listing\/aicon-66-vivere-2024-3695000-usd-for-sale\/capture-decran-le-2023-11-22-a-09-07-17\/\" border=\"0\" itemprop=\"url\"> <meta itemprop=\"width\" content=\"382\"> <meta itemprop=\"height\" content=\"174\"> <img decoding=\"async\" class=\"\" data-attachment-id=\"142410\" data-orig-file=\"https:\/\/itayachtscanada.com\/wp-content\/uploads\/2023\/11\/Capture-decran-le-2023-11-22-a-09.07.17.png\" data-orig-size=\"2120,968\" data-comments-opened=\"1\" data-image-meta=\"{&quot;aperture&quot;:&quot;0&quot;,&quot;credit&quot;:&quot;&quot;,&quot;camera&quot;:&quot;&quot;,&quot;caption&quot;:&quot;&quot;,&quot;created_timestamp&quot;:&quot;0&quot;,&quot;copyright&quot;:&quot;&quot;,&quot;focal_length&quot;:&quot;0&quot;,&quot;iso&quot;:&quot;0&quot;,&quot;shutter_speed&quot;:&quot;0&quot;,&quot;title&quot;:&quot;&quot;,&quot;orientation&quot;:&quot;0&quot;}\" data-image-title=\"Capture d\u2019\u00e9cran, le 2023-11-22 \u00e0 09.07.17\" data-image-description=\"\" data-medium-file=\"https:\/\/i0.wp.com\/itayachtscanada.com\/wp-content\/uploads\/2023\/11\/Capture-decran-le-2023-11-22-a-09.07.17.png?fit=300%2C137&#038;ssl=1\" data-large-file=\"https:\/\/i0.wp.com\/itayachtscanada.com\/wp-content\/uploads\/2023\/11\/Capture-decran-le-2023-11-22-a-09.07.17.png?fit=700%2C320&#038;ssl=1\" src=\"https:\/\/i0.wp.com\/itayachtscanada.com\/wp-content\/uploads\/2023\/11\/Capture-decran-le-2023-11-22-a-09.07.17.png?w=382&#038;h=174&#038;ssl=1\" srcset=\"https:\/\/i0.wp.com\/itayachtscanada.com\/wp-content\/uploads\/2023\/11\/Capture-decran-le-2023-11-22-a-09.07.17.png?w=2120&amp;ssl=1 2120w, https:\/\/i0.wp.com\/itayachtscanada.com\/wp-content\/uploads\/2023\/11\/Capture-decran-le-2023-11-22-a-09.07.17.png?resize=300%2C137&amp;ssl=1 300w, https:\/\/i0.wp.com\/itayachtscanada.com\/wp-content\/uploads\/2023\/11\/Capture-decran-le-2023-11-22-a-09.07.17.png?resize=1024%2C468&amp;ssl=1 1024w, https:\/\/i0.wp.com\/itayachtscanada.com\/wp-content\/uploads\/2023\/11\/Capture-decran-le-2023-11-22-a-09.07.17.png?resize=768%2C351&amp;ssl=1 768w, https:\/\/i0.wp.com\/itayachtscanada.com\/wp-content\/uploads\/2023\/11\/Capture-decran-le-2023-11-22-a-09.07.17.png?resize=1536%2C701&amp;ssl=1 1536w, https:\/\/i0.wp.com\/itayachtscanada.com\/wp-content\/uploads\/2023\/11\/Capture-decran-le-2023-11-22-a-09.07.17.png?resize=2048%2C935&amp;ssl=1 2048w, https:\/\/i0.wp.com\/itayachtscanada.com\/wp-content\/uploads\/2023\/11\/Capture-decran-le-2023-11-22-a-09.07.17.png?resize=1200%2C548&amp;ssl=1 1200w, https:\/\/i0.wp.com\/itayachtscanada.com\/wp-content\/uploads\/2023\/11\/Capture-decran-le-2023-11-22-a-09.07.17.png?resize=700%2C320&amp;ssl=1 700w, https:\/\/i0.wp.com\/itayachtscanada.com\/wp-content\/uploads\/2023\/11\/Capture-decran-le-2023-11-22-a-09.07.17.png?resize=2000%2C913&amp;ssl=1 2000w, https:\/\/i0.wp.com\/itayachtscanada.com\/wp-content\/uploads\/2023\/11\/Capture-decran-le-2023-11-22-a-09.07.17.png?resize=876%2C400&amp;ssl=1 876w, https:\/\/i0.wp.com\/itayachtscanada.com\/wp-content\/uploads\/2023\/11\/Capture-decran-le-2023-11-22-a-09.07.17.png?w=1400&amp;ssl=1 1400w\" width=\"382\" height=\"174\" loading=\"lazy\" data-original-width=\"382\" data-original-height=\"174\" itemprop=\"http:\/\/schema.org\/image\" title=\"Capture d\u2019\u00e9cran, le 2023-11-22 \u00e0 09.07.17\" alt=\"Capture d\u2019\u00e9cran, le 2023-11-22 \u00e0 09.07.17\" style=\"width: 382px; height: 174px;\" \/> <\/a> <\/div> <\/div> <!-- close group --> <\/div> <!-- close row --> <div class=\"gallery-row\" style=\"width: 700px; height: 338px;\" data-original-width=\"700\" data-original-height=\"338\" > <div class=\"gallery-group images-1\" style=\"width: 476px; height: 338px;\" data-original-width=\"476\" data-original-height=\"338\" > <div class=\"tiled-gallery-item tiled-gallery-item-large\" itemprop=\"associatedMedia\" itemscope itemtype=\"http:\/\/schema.org\/ImageObject\"> <a href=\"https:\/\/itayachtscanada.com\/fr\/listing\/aicon-66-vivere-2024-3695000-usd-for-sale\/07-aicon-66-news\/\" border=\"0\" itemprop=\"url\"> <meta itemprop=\"width\" content=\"472\"> <meta itemprop=\"height\" content=\"334\"> <img decoding=\"async\" class=\"\" data-attachment-id=\"142468\" data-orig-file=\"https:\/\/itayachtscanada.com\/wp-content\/uploads\/2023\/11\/07-AICON-66-News.jpeg\" data-orig-size=\"1200,850\" data-comments-opened=\"1\" data-image-meta=\"{&quot;aperture&quot;:&quot;0&quot;,&quot;credit&quot;:&quot;&quot;,&quot;camera&quot;:&quot;&quot;,&quot;caption&quot;:&quot;&quot;,&quot;created_timestamp&quot;:&quot;0&quot;,&quot;copyright&quot;:&quot;&quot;,&quot;focal_length&quot;:&quot;0&quot;,&quot;iso&quot;:&quot;0&quot;,&quot;shutter_speed&quot;:&quot;0&quot;,&quot;title&quot;:&quot;&quot;,&quot;orientation&quot;:&quot;0&quot;}\" data-image-title=\"07-AICON-66-News\" data-image-description=\"\" data-medium-file=\"https:\/\/i0.wp.com\/itayachtscanada.com\/wp-content\/uploads\/2023\/11\/07-AICON-66-News.jpeg?fit=300%2C213&#038;ssl=1\" data-large-file=\"https:\/\/i0.wp.com\/itayachtscanada.com\/wp-content\/uploads\/2023\/11\/07-AICON-66-News.jpeg?fit=700%2C496&#038;ssl=1\" src=\"https:\/\/i0.wp.com\/itayachtscanada.com\/wp-content\/uploads\/2023\/11\/07-AICON-66-News.jpeg?w=472&#038;h=334&#038;ssl=1\" srcset=\"https:\/\/i0.wp.com\/itayachtscanada.com\/wp-content\/uploads\/2023\/11\/07-AICON-66-News.jpeg?w=1200&amp;ssl=1 1200w, https:\/\/i0.wp.com\/itayachtscanada.com\/wp-content\/uploads\/2023\/11\/07-AICON-66-News.jpeg?resize=300%2C213&amp;ssl=1 300w, https:\/\/i0.wp.com\/itayachtscanada.com\/wp-content\/uploads\/2023\/11\/07-AICON-66-News.jpeg?resize=1024%2C725&amp;ssl=1 1024w, https:\/\/i0.wp.com\/itayachtscanada.com\/wp-content\/uploads\/2023\/11\/07-AICON-66-News.jpeg?resize=768%2C544&amp;ssl=1 768w, https:\/\/i0.wp.com\/itayachtscanada.com\/wp-content\/uploads\/2023\/11\/07-AICON-66-News.jpeg?resize=700%2C496&amp;ssl=1 700w, https:\/\/i0.wp.com\/itayachtscanada.com\/wp-content\/uploads\/2023\/11\/07-AICON-66-News.jpeg?resize=565%2C400&amp;ssl=1 565w\" width=\"472\" height=\"334\" loading=\"lazy\" data-original-width=\"472\" data-original-height=\"334\" itemprop=\"http:\/\/schema.org\/image\" title=\"07-AICON-66-News\" alt=\"07-AICON-66-News\" style=\"width: 472px; height: 334px;\" \/> <\/a> <\/div> <\/div> <!-- close group --> <div class=\"gallery-group images-2\" style=\"width: 224px; height: 338px;\" data-original-width=\"224\" data-original-height=\"338\" > <div class=\"tiled-gallery-item tiled-gallery-item-small\" itemprop=\"associatedMedia\" itemscope itemtype=\"http:\/\/schema.org\/ImageObject\"> <a href=\"https:\/\/itayachtscanada.com\/fr\/listing\/aicon-66-vivere-2024-3695000-usd-for-sale\/capture-decran-le-2023-11-22-a-09-02-22\/\" border=\"0\" itemprop=\"url\"> <meta itemprop=\"width\" content=\"220\"> <meta itemprop=\"height\" content=\"165\"> <img decoding=\"async\" class=\"\" data-attachment-id=\"142434\" data-orig-file=\"https:\/\/itayachtscanada.com\/wp-content\/uploads\/2023\/11\/Capture-decran-le-2023-11-22-a-09.02.22.png\" data-orig-size=\"1438,1076\" data-comments-opened=\"1\" data-image-meta=\"{&quot;aperture&quot;:&quot;0&quot;,&quot;credit&quot;:&quot;&quot;,&quot;camera&quot;:&quot;&quot;,&quot;caption&quot;:&quot;&quot;,&quot;created_timestamp&quot;:&quot;0&quot;,&quot;copyright&quot;:&quot;&quot;,&quot;focal_length&quot;:&quot;0&quot;,&quot;iso&quot;:&quot;0&quot;,&quot;shutter_speed&quot;:&quot;0&quot;,&quot;title&quot;:&quot;&quot;,&quot;orientation&quot;:&quot;0&quot;}\" data-image-title=\"Capture d\u2019\u00e9cran, le 2023-11-22 \u00e0 09.02.22\" data-image-description=\"\" data-medium-file=\"https:\/\/i0.wp.com\/itayachtscanada.com\/wp-content\/uploads\/2023\/11\/Capture-decran-le-2023-11-22-a-09.02.22.png?fit=300%2C224&#038;ssl=1\" data-large-file=\"https:\/\/i0.wp.com\/itayachtscanada.com\/wp-content\/uploads\/2023\/11\/Capture-decran-le-2023-11-22-a-09.02.22.png?fit=700%2C524&#038;ssl=1\" src=\"https:\/\/i0.wp.com\/itayachtscanada.com\/wp-content\/uploads\/2023\/11\/Capture-decran-le-2023-11-22-a-09.02.22.png?w=220&#038;h=165&#038;ssl=1\" srcset=\"https:\/\/i0.wp.com\/itayachtscanada.com\/wp-content\/uploads\/2023\/11\/Capture-decran-le-2023-11-22-a-09.02.22.png?w=1438&amp;ssl=1 1438w, https:\/\/i0.wp.com\/itayachtscanada.com\/wp-content\/uploads\/2023\/11\/Capture-decran-le-2023-11-22-a-09.02.22.png?resize=300%2C224&amp;ssl=1 300w, https:\/\/i0.wp.com\/itayachtscanada.com\/wp-content\/uploads\/2023\/11\/Capture-decran-le-2023-11-22-a-09.02.22.png?resize=1024%2C766&amp;ssl=1 1024w, https:\/\/i0.wp.com\/itayachtscanada.com\/wp-content\/uploads\/2023\/11\/Capture-decran-le-2023-11-22-a-09.02.22.png?resize=768%2C575&amp;ssl=1 768w, https:\/\/i0.wp.com\/itayachtscanada.com\/wp-content\/uploads\/2023\/11\/Capture-decran-le-2023-11-22-a-09.02.22.png?resize=1200%2C898&amp;ssl=1 1200w, https:\/\/i0.wp.com\/itayachtscanada.com\/wp-content\/uploads\/2023\/11\/Capture-decran-le-2023-11-22-a-09.02.22.png?resize=800%2C600&amp;ssl=1 800w, https:\/\/i0.wp.com\/itayachtscanada.com\/wp-content\/uploads\/2023\/11\/Capture-decran-le-2023-11-22-a-09.02.22.png?resize=600%2C450&amp;ssl=1 600w, https:\/\/i0.wp.com\/itayachtscanada.com\/wp-content\/uploads\/2023\/11\/Capture-decran-le-2023-11-22-a-09.02.22.png?resize=400%2C300&amp;ssl=1 400w, https:\/\/i0.wp.com\/itayachtscanada.com\/wp-content\/uploads\/2023\/11\/Capture-decran-le-2023-11-22-a-09.02.22.png?resize=200%2C150&amp;ssl=1 200w, https:\/\/i0.wp.com\/itayachtscanada.com\/wp-content\/uploads\/2023\/11\/Capture-decran-le-2023-11-22-a-09.02.22.png?resize=700%2C524&amp;ssl=1 700w, https:\/\/i0.wp.com\/itayachtscanada.com\/wp-content\/uploads\/2023\/11\/Capture-decran-le-2023-11-22-a-09.02.22.png?resize=535%2C400&amp;ssl=1 535w\" width=\"220\" height=\"165\" loading=\"lazy\" data-original-width=\"220\" data-original-height=\"165\" itemprop=\"http:\/\/schema.org\/image\" title=\"Capture d\u2019\u00e9cran, le 2023-11-22 \u00e0 09.02.22\" alt=\"Capture d\u2019\u00e9cran, le 2023-11-22 \u00e0 09.02.22\" style=\"width: 220px; height: 165px;\" \/> <\/a> <\/div> <div class=\"tiled-gallery-item tiled-gallery-item-small\" itemprop=\"associatedMedia\" itemscope itemtype=\"http:\/\/schema.org\/ImageObject\"> <a href=\"https:\/\/itayachtscanada.com\/fr\/listing\/aicon-66-vivere-2024-3695000-usd-for-sale\/capture-decran-le-2023-11-22-a-09-02-40\/\" border=\"0\" itemprop=\"url\"> <meta itemprop=\"width\" content=\"220\"> <meta itemprop=\"height\" content=\"165\"> <img decoding=\"async\" class=\"\" data-attachment-id=\"142432\" data-orig-file=\"https:\/\/itayachtscanada.com\/wp-content\/uploads\/2023\/11\/Capture-decran-le-2023-11-22-a-09.02.40.png\" data-orig-size=\"1432,1076\" data-comments-opened=\"1\" data-image-meta=\"{&quot;aperture&quot;:&quot;0&quot;,&quot;credit&quot;:&quot;&quot;,&quot;camera&quot;:&quot;&quot;,&quot;caption&quot;:&quot;&quot;,&quot;created_timestamp&quot;:&quot;0&quot;,&quot;copyright&quot;:&quot;&quot;,&quot;focal_length&quot;:&quot;0&quot;,&quot;iso&quot;:&quot;0&quot;,&quot;shutter_speed&quot;:&quot;0&quot;,&quot;title&quot;:&quot;&quot;,&quot;orientation&quot;:&quot;0&quot;}\" data-image-title=\"Capture d\u2019\u00e9cran, le 2023-11-22 \u00e0 09.02.40\" data-image-description=\"\" data-medium-file=\"https:\/\/i0.wp.com\/itayachtscanada.com\/wp-content\/uploads\/2023\/11\/Capture-decran-le-2023-11-22-a-09.02.40.png?fit=300%2C225&#038;ssl=1\" data-large-file=\"https:\/\/i0.wp.com\/itayachtscanada.com\/wp-content\/uploads\/2023\/11\/Capture-decran-le-2023-11-22-a-09.02.40.png?fit=700%2C526&#038;ssl=1\" src=\"https:\/\/i0.wp.com\/itayachtscanada.com\/wp-content\/uploads\/2023\/11\/Capture-decran-le-2023-11-22-a-09.02.40.png?w=220&#038;h=165&#038;ssl=1\" srcset=\"https:\/\/i0.wp.com\/itayachtscanada.com\/wp-content\/uploads\/2023\/11\/Capture-decran-le-2023-11-22-a-09.02.40.png?w=1432&amp;ssl=1 1432w, https:\/\/i0.wp.com\/itayachtscanada.com\/wp-content\/uploads\/2023\/11\/Capture-decran-le-2023-11-22-a-09.02.40.png?resize=300%2C225&amp;ssl=1 300w, https:\/\/i0.wp.com\/itayachtscanada.com\/wp-content\/uploads\/2023\/11\/Capture-decran-le-2023-11-22-a-09.02.40.png?resize=1024%2C769&amp;ssl=1 1024w, https:\/\/i0.wp.com\/itayachtscanada.com\/wp-content\/uploads\/2023\/11\/Capture-decran-le-2023-11-22-a-09.02.40.png?resize=768%2C577&amp;ssl=1 768w, https:\/\/i0.wp.com\/itayachtscanada.com\/wp-content\/uploads\/2023\/11\/Capture-decran-le-2023-11-22-a-09.02.40.png?resize=1200%2C902&amp;ssl=1 1200w, https:\/\/i0.wp.com\/itayachtscanada.com\/wp-content\/uploads\/2023\/11\/Capture-decran-le-2023-11-22-a-09.02.40.png?resize=800%2C600&amp;ssl=1 800w, https:\/\/i0.wp.com\/itayachtscanada.com\/wp-content\/uploads\/2023\/11\/Capture-decran-le-2023-11-22-a-09.02.40.png?resize=600%2C450&amp;ssl=1 600w, https:\/\/i0.wp.com\/itayachtscanada.com\/wp-content\/uploads\/2023\/11\/Capture-decran-le-2023-11-22-a-09.02.40.png?resize=400%2C300&amp;ssl=1 400w, https:\/\/i0.wp.com\/itayachtscanada.com\/wp-content\/uploads\/2023\/11\/Capture-decran-le-2023-11-22-a-09.02.40.png?resize=200%2C150&amp;ssl=1 200w, https:\/\/i0.wp.com\/itayachtscanada.com\/wp-content\/uploads\/2023\/11\/Capture-decran-le-2023-11-22-a-09.02.40.png?resize=700%2C526&amp;ssl=1 700w, https:\/\/i0.wp.com\/itayachtscanada.com\/wp-content\/uploads\/2023\/11\/Capture-decran-le-2023-11-22-a-09.02.40.png?resize=532%2C400&amp;ssl=1 532w\" width=\"220\" height=\"165\" loading=\"lazy\" data-original-width=\"220\" data-original-height=\"165\" itemprop=\"http:\/\/schema.org\/image\" title=\"Capture d\u2019\u00e9cran, le 2023-11-22 \u00e0 09.02.40\" alt=\"Capture d\u2019\u00e9cran, le 2023-11-22 \u00e0 09.02.40\" style=\"width: 220px; height: 165px;\" \/> <\/a> <\/div> <\/div> <!-- close group --> <\/div> <!-- close row --> <div class=\"gallery-row\" style=\"width: 700px; height: 427px;\" data-original-width=\"700\" data-original-height=\"427\" > <div class=\"gallery-group images-3\" style=\"width: 190px; height: 427px;\" data-original-width=\"190\" data-original-height=\"427\" > <div class=\"tiled-gallery-item tiled-gallery-item-small\" itemprop=\"associatedMedia\" itemscope itemtype=\"http:\/\/schema.org\/ImageObject\"> <a href=\"https:\/\/itayachtscanada.com\/fr\/listing\/aicon-66-vivere-2024-3695000-usd-for-sale\/capture-decran-le-2023-11-22-a-09-04-54\/\" border=\"0\" itemprop=\"url\"> <meta itemprop=\"width\" content=\"186\"> <meta itemprop=\"height\" content=\"138\"> <img decoding=\"async\" class=\"\" data-attachment-id=\"142416\" data-orig-file=\"https:\/\/itayachtscanada.com\/wp-content\/uploads\/2023\/11\/Capture-decran-le-2023-11-22-a-09.04.54.png\" data-orig-size=\"1446,1076\" data-comments-opened=\"1\" data-image-meta=\"{&quot;aperture&quot;:&quot;0&quot;,&quot;credit&quot;:&quot;&quot;,&quot;camera&quot;:&quot;&quot;,&quot;caption&quot;:&quot;&quot;,&quot;created_timestamp&quot;:&quot;0&quot;,&quot;copyright&quot;:&quot;&quot;,&quot;focal_length&quot;:&quot;0&quot;,&quot;iso&quot;:&quot;0&quot;,&quot;shutter_speed&quot;:&quot;0&quot;,&quot;title&quot;:&quot;&quot;,&quot;orientation&quot;:&quot;0&quot;}\" data-image-title=\"Capture d\u2019\u00e9cran, le 2023-11-22 \u00e0 09.04.54\" data-image-description=\"\" data-medium-file=\"https:\/\/i0.wp.com\/itayachtscanada.com\/wp-content\/uploads\/2023\/11\/Capture-decran-le-2023-11-22-a-09.04.54.png?fit=300%2C223&#038;ssl=1\" data-large-file=\"https:\/\/i0.wp.com\/itayachtscanada.com\/wp-content\/uploads\/2023\/11\/Capture-decran-le-2023-11-22-a-09.04.54.png?fit=700%2C521&#038;ssl=1\" src=\"https:\/\/i0.wp.com\/itayachtscanada.com\/wp-content\/uploads\/2023\/11\/Capture-decran-le-2023-11-22-a-09.04.54.png?w=186&#038;h=138&#038;ssl=1\" srcset=\"https:\/\/i0.wp.com\/itayachtscanada.com\/wp-content\/uploads\/2023\/11\/Capture-decran-le-2023-11-22-a-09.04.54.png?w=1446&amp;ssl=1 1446w, https:\/\/i0.wp.com\/itayachtscanada.com\/wp-content\/uploads\/2023\/11\/Capture-decran-le-2023-11-22-a-09.04.54.png?resize=300%2C223&amp;ssl=1 300w, https:\/\/i0.wp.com\/itayachtscanada.com\/wp-content\/uploads\/2023\/11\/Capture-decran-le-2023-11-22-a-09.04.54.png?resize=1024%2C762&amp;ssl=1 1024w, https:\/\/i0.wp.com\/itayachtscanada.com\/wp-content\/uploads\/2023\/11\/Capture-decran-le-2023-11-22-a-09.04.54.png?resize=768%2C571&amp;ssl=1 768w, https:\/\/i0.wp.com\/itayachtscanada.com\/wp-content\/uploads\/2023\/11\/Capture-decran-le-2023-11-22-a-09.04.54.png?resize=1200%2C893&amp;ssl=1 1200w, https:\/\/i0.wp.com\/itayachtscanada.com\/wp-content\/uploads\/2023\/11\/Capture-decran-le-2023-11-22-a-09.04.54.png?resize=700%2C521&amp;ssl=1 700w, https:\/\/i0.wp.com\/itayachtscanada.com\/wp-content\/uploads\/2023\/11\/Capture-decran-le-2023-11-22-a-09.04.54.png?resize=538%2C400&amp;ssl=1 538w\" width=\"186\" height=\"138\" loading=\"lazy\" data-original-width=\"186\" data-original-height=\"138\" itemprop=\"http:\/\/schema.org\/image\" title=\"Capture d\u2019\u00e9cran, le 2023-11-22 \u00e0 09.04.54\" alt=\"Capture d\u2019\u00e9cran, le 2023-11-22 \u00e0 09.04.54\" style=\"width: 186px; height: 138px;\" \/> <\/a> <\/div> <div class=\"tiled-gallery-item tiled-gallery-item-small\" itemprop=\"associatedMedia\" itemscope itemtype=\"http:\/\/schema.org\/ImageObject\"> <a href=\"https:\/\/itayachtscanada.com\/fr\/listing\/aicon-66-vivere-2024-3695000-usd-for-sale\/capture-decran-le-2023-11-22-a-09-04-00\/\" border=\"0\" itemprop=\"url\"> <meta itemprop=\"width\" content=\"186\"> <meta itemprop=\"height\" content=\"139\"> <img decoding=\"async\" class=\"\" data-attachment-id=\"142423\" data-orig-file=\"https:\/\/itayachtscanada.com\/wp-content\/uploads\/2023\/11\/Capture-decran-le-2023-11-22-a-09.04.00.png\" data-orig-size=\"1444,1076\" data-comments-opened=\"1\" data-image-meta=\"{&quot;aperture&quot;:&quot;0&quot;,&quot;credit&quot;:&quot;&quot;,&quot;camera&quot;:&quot;&quot;,&quot;caption&quot;:&quot;&quot;,&quot;created_timestamp&quot;:&quot;0&quot;,&quot;copyright&quot;:&quot;&quot;,&quot;focal_length&quot;:&quot;0&quot;,&quot;iso&quot;:&quot;0&quot;,&quot;shutter_speed&quot;:&quot;0&quot;,&quot;title&quot;:&quot;&quot;,&quot;orientation&quot;:&quot;0&quot;}\" data-image-title=\"Capture d\u2019\u00e9cran, le 2023-11-22 \u00e0 09.04.00\" data-image-description=\"\" data-medium-file=\"https:\/\/i0.wp.com\/itayachtscanada.com\/wp-content\/uploads\/2023\/11\/Capture-decran-le-2023-11-22-a-09.04.00.png?fit=300%2C224&#038;ssl=1\" data-large-file=\"https:\/\/i0.wp.com\/itayachtscanada.com\/wp-content\/uploads\/2023\/11\/Capture-decran-le-2023-11-22-a-09.04.00.png?fit=700%2C522&#038;ssl=1\" src=\"https:\/\/i0.wp.com\/itayachtscanada.com\/wp-content\/uploads\/2023\/11\/Capture-decran-le-2023-11-22-a-09.04.00.png?w=186&#038;h=139&#038;ssl=1\" srcset=\"https:\/\/i0.wp.com\/itayachtscanada.com\/wp-content\/uploads\/2023\/11\/Capture-decran-le-2023-11-22-a-09.04.00.png?w=1444&amp;ssl=1 1444w, https:\/\/i0.wp.com\/itayachtscanada.com\/wp-content\/uploads\/2023\/11\/Capture-decran-le-2023-11-22-a-09.04.00.png?resize=300%2C224&amp;ssl=1 300w, https:\/\/i0.wp.com\/itayachtscanada.com\/wp-content\/uploads\/2023\/11\/Capture-decran-le-2023-11-22-a-09.04.00.png?resize=1024%2C763&amp;ssl=1 1024w, https:\/\/i0.wp.com\/itayachtscanada.com\/wp-content\/uploads\/2023\/11\/Capture-decran-le-2023-11-22-a-09.04.00.png?resize=768%2C572&amp;ssl=1 768w, https:\/\/i0.wp.com\/itayachtscanada.com\/wp-content\/uploads\/2023\/11\/Capture-decran-le-2023-11-22-a-09.04.00.png?resize=1200%2C894&amp;ssl=1 1200w, https:\/\/i0.wp.com\/itayachtscanada.com\/wp-content\/uploads\/2023\/11\/Capture-decran-le-2023-11-22-a-09.04.00.png?resize=800%2C600&amp;ssl=1 800w, https:\/\/i0.wp.com\/itayachtscanada.com\/wp-content\/uploads\/2023\/11\/Capture-decran-le-2023-11-22-a-09.04.00.png?resize=600%2C450&amp;ssl=1 600w, https:\/\/i0.wp.com\/itayachtscanada.com\/wp-content\/uploads\/2023\/11\/Capture-decran-le-2023-11-22-a-09.04.00.png?resize=400%2C300&amp;ssl=1 400w, https:\/\/i0.wp.com\/itayachtscanada.com\/wp-content\/uploads\/2023\/11\/Capture-decran-le-2023-11-22-a-09.04.00.png?resize=200%2C150&amp;ssl=1 200w, https:\/\/i0.wp.com\/itayachtscanada.com\/wp-content\/uploads\/2023\/11\/Capture-decran-le-2023-11-22-a-09.04.00.png?resize=700%2C522&amp;ssl=1 700w, https:\/\/i0.wp.com\/itayachtscanada.com\/wp-content\/uploads\/2023\/11\/Capture-decran-le-2023-11-22-a-09.04.00.png?resize=537%2C400&amp;ssl=1 537w\" width=\"186\" height=\"139\" loading=\"lazy\" data-original-width=\"186\" data-original-height=\"139\" itemprop=\"http:\/\/schema.org\/image\" title=\"Capture d\u2019\u00e9cran, le 2023-11-22 \u00e0 09.04.00\" alt=\"Capture d\u2019\u00e9cran, le 2023-11-22 \u00e0 09.04.00\" style=\"width: 186px; height: 139px;\" \/> <\/a> <\/div> <div class=\"tiled-gallery-item tiled-gallery-item-small\" itemprop=\"associatedMedia\" itemscope itemtype=\"http:\/\/schema.org\/ImageObject\"> <a href=\"https:\/\/itayachtscanada.com\/fr\/listing\/aicon-66-vivere-2024-3695000-usd-for-sale\/capture-decran-le-2023-11-22-a-09-04-16\/\" border=\"0\" itemprop=\"url\"> <meta itemprop=\"width\" content=\"186\"> <meta itemprop=\"height\" content=\"138\"> <img decoding=\"async\" class=\"\" data-attachment-id=\"142421\" data-orig-file=\"https:\/\/itayachtscanada.com\/wp-content\/uploads\/2023\/11\/Capture-decran-le-2023-11-22-a-09.04.16.png\" data-orig-size=\"1446,1076\" data-comments-opened=\"1\" data-image-meta=\"{&quot;aperture&quot;:&quot;0&quot;,&quot;credit&quot;:&quot;&quot;,&quot;camera&quot;:&quot;&quot;,&quot;caption&quot;:&quot;&quot;,&quot;created_timestamp&quot;:&quot;0&quot;,&quot;copyright&quot;:&quot;&quot;,&quot;focal_length&quot;:&quot;0&quot;,&quot;iso&quot;:&quot;0&quot;,&quot;shutter_speed&quot;:&quot;0&quot;,&quot;title&quot;:&quot;&quot;,&quot;orientation&quot;:&quot;0&quot;}\" data-image-title=\"Capture d\u2019\u00e9cran, le 2023-11-22 \u00e0 09.04.16\" data-image-description=\"\" data-medium-file=\"https:\/\/i0.wp.com\/itayachtscanada.com\/wp-content\/uploads\/2023\/11\/Capture-decran-le-2023-11-22-a-09.04.16.png?fit=300%2C223&#038;ssl=1\" data-large-file=\"https:\/\/i0.wp.com\/itayachtscanada.com\/wp-content\/uploads\/2023\/11\/Capture-decran-le-2023-11-22-a-09.04.16.png?fit=700%2C521&#038;ssl=1\" src=\"https:\/\/i0.wp.com\/itayachtscanada.com\/wp-content\/uploads\/2023\/11\/Capture-decran-le-2023-11-22-a-09.04.16.png?w=186&#038;h=138&#038;ssl=1\" srcset=\"https:\/\/i0.wp.com\/itayachtscanada.com\/wp-content\/uploads\/2023\/11\/Capture-decran-le-2023-11-22-a-09.04.16.png?w=1446&amp;ssl=1 1446w, https:\/\/i0.wp.com\/itayachtscanada.com\/wp-content\/uploads\/2023\/11\/Capture-decran-le-2023-11-22-a-09.04.16.png?resize=300%2C223&amp;ssl=1 300w, https:\/\/i0.wp.com\/itayachtscanada.com\/wp-content\/uploads\/2023\/11\/Capture-decran-le-2023-11-22-a-09.04.16.png?resize=1024%2C762&amp;ssl=1 1024w, https:\/\/i0.wp.com\/itayachtscanada.com\/wp-content\/uploads\/2023\/11\/Capture-decran-le-2023-11-22-a-09.04.16.png?resize=768%2C571&amp;ssl=1 768w, https:\/\/i0.wp.com\/itayachtscanada.com\/wp-content\/uploads\/2023\/11\/Capture-decran-le-2023-11-22-a-09.04.16.png?resize=1200%2C893&amp;ssl=1 1200w, https:\/\/i0.wp.com\/itayachtscanada.com\/wp-content\/uploads\/2023\/11\/Capture-decran-le-2023-11-22-a-09.04.16.png?resize=700%2C521&amp;ssl=1 700w, https:\/\/i0.wp.com\/itayachtscanada.com\/wp-content\/uploads\/2023\/11\/Capture-decran-le-2023-11-22-a-09.04.16.png?resize=538%2C400&amp;ssl=1 538w\" width=\"186\" height=\"138\" loading=\"lazy\" data-original-width=\"186\" data-original-height=\"138\" itemprop=\"http:\/\/schema.org\/image\" title=\"Capture d\u2019\u00e9cran, le 2023-11-22 \u00e0 09.04.16\" alt=\"Capture d\u2019\u00e9cran, le 2023-11-22 \u00e0 09.04.16\" style=\"width: 186px; height: 138px;\" \/> <\/a> <\/div> <\/div> <!-- close group --> <div class=\"gallery-group images-1\" style=\"width: 321px; height: 427px;\" data-original-width=\"321\" data-original-height=\"427\" > <div class=\"tiled-gallery-item tiled-gallery-item-large\" itemprop=\"associatedMedia\" itemscope itemtype=\"http:\/\/schema.org\/ImageObject\"> <a href=\"https:\/\/itayachtscanada.com\/fr\/listing\/aicon-66-vivere-2024-3695000-usd-for-sale\/capture-decran-le-2023-11-22-a-09-04-07\/\" border=\"0\" itemprop=\"url\"> <meta itemprop=\"width\" content=\"317\"> <meta itemprop=\"height\" content=\"423\"> <img decoding=\"async\" class=\"\" data-attachment-id=\"142422\" data-orig-file=\"https:\/\/itayachtscanada.com\/wp-content\/uploads\/2023\/11\/Capture-decran-le-2023-11-22-a-09.04.07.png\" data-orig-size=\"806,1076\" data-comments-opened=\"1\" data-image-meta=\"{&quot;aperture&quot;:&quot;0&quot;,&quot;credit&quot;:&quot;&quot;,&quot;camera&quot;:&quot;&quot;,&quot;caption&quot;:&quot;&quot;,&quot;created_timestamp&quot;:&quot;0&quot;,&quot;copyright&quot;:&quot;&quot;,&quot;focal_length&quot;:&quot;0&quot;,&quot;iso&quot;:&quot;0&quot;,&quot;shutter_speed&quot;:&quot;0&quot;,&quot;title&quot;:&quot;&quot;,&quot;orientation&quot;:&quot;0&quot;}\" data-image-title=\"Capture d\u2019\u00e9cran, le 2023-11-22 \u00e0 09.04.07\" data-image-description=\"\" data-medium-file=\"https:\/\/i0.wp.com\/itayachtscanada.com\/wp-content\/uploads\/2023\/11\/Capture-decran-le-2023-11-22-a-09.04.07.png?fit=225%2C300&#038;ssl=1\" data-large-file=\"https:\/\/i0.wp.com\/itayachtscanada.com\/wp-content\/uploads\/2023\/11\/Capture-decran-le-2023-11-22-a-09.04.07.png?fit=700%2C935&#038;ssl=1\" src=\"https:\/\/i0.wp.com\/itayachtscanada.com\/wp-content\/uploads\/2023\/11\/Capture-decran-le-2023-11-22-a-09.04.07.png?w=317&#038;h=423&#038;ssl=1\" srcset=\"https:\/\/i0.wp.com\/itayachtscanada.com\/wp-content\/uploads\/2023\/11\/Capture-decran-le-2023-11-22-a-09.04.07.png?w=806&amp;ssl=1 806w, https:\/\/i0.wp.com\/itayachtscanada.com\/wp-content\/uploads\/2023\/11\/Capture-decran-le-2023-11-22-a-09.04.07.png?resize=225%2C300&amp;ssl=1 225w, https:\/\/i0.wp.com\/itayachtscanada.com\/wp-content\/uploads\/2023\/11\/Capture-decran-le-2023-11-22-a-09.04.07.png?resize=767%2C1024&amp;ssl=1 767w, https:\/\/i0.wp.com\/itayachtscanada.com\/wp-content\/uploads\/2023\/11\/Capture-decran-le-2023-11-22-a-09.04.07.png?resize=768%2C1025&amp;ssl=1 768w, https:\/\/i0.wp.com\/itayachtscanada.com\/wp-content\/uploads\/2023\/11\/Capture-decran-le-2023-11-22-a-09.04.07.png?resize=600%2C800&amp;ssl=1 600w, https:\/\/i0.wp.com\/itayachtscanada.com\/wp-content\/uploads\/2023\/11\/Capture-decran-le-2023-11-22-a-09.04.07.png?resize=450%2C600&amp;ssl=1 450w, https:\/\/i0.wp.com\/itayachtscanada.com\/wp-content\/uploads\/2023\/11\/Capture-decran-le-2023-11-22-a-09.04.07.png?resize=300%2C400&amp;ssl=1 300w, https:\/\/i0.wp.com\/itayachtscanada.com\/wp-content\/uploads\/2023\/11\/Capture-decran-le-2023-11-22-a-09.04.07.png?resize=150%2C200&amp;ssl=1 150w, https:\/\/i0.wp.com\/itayachtscanada.com\/wp-content\/uploads\/2023\/11\/Capture-decran-le-2023-11-22-a-09.04.07.png?resize=700%2C934&amp;ssl=1 700w\" width=\"317\" height=\"423\" loading=\"lazy\" data-original-width=\"317\" data-original-height=\"423\" itemprop=\"http:\/\/schema.org\/image\" title=\"Capture d\u2019\u00e9cran, le 2023-11-22 \u00e0 09.04.07\" alt=\"Capture d\u2019\u00e9cran, le 2023-11-22 \u00e0 09.04.07\" style=\"width: 317px; height: 423px;\" \/> <\/a> <\/div> <\/div> <!-- close group --> <div class=\"gallery-group images-3\" style=\"width: 189px; height: 427px;\" data-original-width=\"189\" data-original-height=\"427\" > <div class=\"tiled-gallery-item tiled-gallery-item-small\" itemprop=\"associatedMedia\" itemscope itemtype=\"http:\/\/schema.org\/ImageObject\"> <a href=\"https:\/\/itayachtscanada.com\/fr\/listing\/aicon-66-vivere-2024-3695000-usd-for-sale\/capture-decran-le-2023-11-22-a-09-02-19\/\" border=\"0\" itemprop=\"url\"> <meta itemprop=\"width\" content=\"185\"> <meta itemprop=\"height\" content=\"139\"> <img decoding=\"async\" class=\"\" data-attachment-id=\"142435\" data-orig-file=\"https:\/\/itayachtscanada.com\/wp-content\/uploads\/2023\/11\/Capture-decran-le-2023-11-22-a-09.02.19.png\" data-orig-size=\"1438,1076\" data-comments-opened=\"1\" data-image-meta=\"{&quot;aperture&quot;:&quot;0&quot;,&quot;credit&quot;:&quot;&quot;,&quot;camera&quot;:&quot;&quot;,&quot;caption&quot;:&quot;&quot;,&quot;created_timestamp&quot;:&quot;0&quot;,&quot;copyright&quot;:&quot;&quot;,&quot;focal_length&quot;:&quot;0&quot;,&quot;iso&quot;:&quot;0&quot;,&quot;shutter_speed&quot;:&quot;0&quot;,&quot;title&quot;:&quot;&quot;,&quot;orientation&quot;:&quot;0&quot;}\" data-image-title=\"Capture d\u2019\u00e9cran, le 2023-11-22 \u00e0 09.02.19\" data-image-description=\"\" data-medium-file=\"https:\/\/i0.wp.com\/itayachtscanada.com\/wp-content\/uploads\/2023\/11\/Capture-decran-le-2023-11-22-a-09.02.19.png?fit=300%2C224&#038;ssl=1\" data-large-file=\"https:\/\/i0.wp.com\/itayachtscanada.com\/wp-content\/uploads\/2023\/11\/Capture-decran-le-2023-11-22-a-09.02.19.png?fit=700%2C524&#038;ssl=1\" src=\"https:\/\/i0.wp.com\/itayachtscanada.com\/wp-content\/uploads\/2023\/11\/Capture-decran-le-2023-11-22-a-09.02.19.png?w=185&#038;h=139&#038;ssl=1\" srcset=\"https:\/\/i0.wp.com\/itayachtscanada.com\/wp-content\/uploads\/2023\/11\/Capture-decran-le-2023-11-22-a-09.02.19.png?w=1438&amp;ssl=1 1438w, https:\/\/i0.wp.com\/itayachtscanada.com\/wp-content\/uploads\/2023\/11\/Capture-decran-le-2023-11-22-a-09.02.19.png?resize=300%2C224&amp;ssl=1 300w, https:\/\/i0.wp.com\/itayachtscanada.com\/wp-content\/uploads\/2023\/11\/Capture-decran-le-2023-11-22-a-09.02.19.png?resize=1024%2C766&amp;ssl=1 1024w, https:\/\/i0.wp.com\/itayachtscanada.com\/wp-content\/uploads\/2023\/11\/Capture-decran-le-2023-11-22-a-09.02.19.png?resize=768%2C575&amp;ssl=1 768w, https:\/\/i0.wp.com\/itayachtscanada.com\/wp-content\/uploads\/2023\/11\/Capture-decran-le-2023-11-22-a-09.02.19.png?resize=1200%2C898&amp;ssl=1 1200w, https:\/\/i0.wp.com\/itayachtscanada.com\/wp-content\/uploads\/2023\/11\/Capture-decran-le-2023-11-22-a-09.02.19.png?resize=800%2C600&amp;ssl=1 800w, https:\/\/i0.wp.com\/itayachtscanada.com\/wp-content\/uploads\/2023\/11\/Capture-decran-le-2023-11-22-a-09.02.19.png?resize=600%2C450&amp;ssl=1 600w, https:\/\/i0.wp.com\/itayachtscanada.com\/wp-content\/uploads\/2023\/11\/Capture-decran-le-2023-11-22-a-09.02.19.png?resize=400%2C300&amp;ssl=1 400w, https:\/\/i0.wp.com\/itayachtscanada.com\/wp-content\/uploads\/2023\/11\/Capture-decran-le-2023-11-22-a-09.02.19.png?resize=200%2C150&amp;ssl=1 200w, https:\/\/i0.wp.com\/itayachtscanada.com\/wp-content\/uploads\/2023\/11\/Capture-decran-le-2023-11-22-a-09.02.19.png?resize=700%2C524&amp;ssl=1 700w, https:\/\/i0.wp.com\/itayachtscanada.com\/wp-content\/uploads\/2023\/11\/Capture-decran-le-2023-11-22-a-09.02.19.png?resize=535%2C400&amp;ssl=1 535w\" width=\"185\" height=\"139\" loading=\"lazy\" data-original-width=\"185\" data-original-height=\"139\" itemprop=\"http:\/\/schema.org\/image\" title=\"Capture d\u2019\u00e9cran, le 2023-11-22 \u00e0 09.02.19\" alt=\"Capture d\u2019\u00e9cran, le 2023-11-22 \u00e0 09.02.19\" style=\"width: 185px; height: 139px;\" \/> <\/a> <\/div> <div class=\"tiled-gallery-item tiled-gallery-item-small\" itemprop=\"associatedMedia\" itemscope itemtype=\"http:\/\/schema.org\/ImageObject\"> <a href=\"https:\/\/itayachtscanada.com\/fr\/listing\/aicon-66-vivere-2024-3695000-usd-for-sale\/capture-decran-le-2023-11-22-a-09-02-09\/\" border=\"0\" itemprop=\"url\"> <meta itemprop=\"width\" content=\"185\"> <meta itemprop=\"height\" content=\"138\"> <img decoding=\"async\" class=\"\" data-attachment-id=\"142437\" data-orig-file=\"https:\/\/itayachtscanada.com\/wp-content\/uploads\/2023\/11\/Capture-decran-le-2023-11-22-a-09.02.09.png\" data-orig-size=\"1438,1076\" data-comments-opened=\"1\" data-image-meta=\"{&quot;aperture&quot;:&quot;0&quot;,&quot;credit&quot;:&quot;&quot;,&quot;camera&quot;:&quot;&quot;,&quot;caption&quot;:&quot;&quot;,&quot;created_timestamp&quot;:&quot;0&quot;,&quot;copyright&quot;:&quot;&quot;,&quot;focal_length&quot;:&quot;0&quot;,&quot;iso&quot;:&quot;0&quot;,&quot;shutter_speed&quot;:&quot;0&quot;,&quot;title&quot;:&quot;&quot;,&quot;orientation&quot;:&quot;0&quot;}\" data-image-title=\"Capture d\u2019\u00e9cran, le 2023-11-22 \u00e0 09.02.09\" data-image-description=\"\" data-medium-file=\"https:\/\/i0.wp.com\/itayachtscanada.com\/wp-content\/uploads\/2023\/11\/Capture-decran-le-2023-11-22-a-09.02.09.png?fit=300%2C224&#038;ssl=1\" data-large-file=\"https:\/\/i0.wp.com\/itayachtscanada.com\/wp-content\/uploads\/2023\/11\/Capture-decran-le-2023-11-22-a-09.02.09.png?fit=700%2C524&#038;ssl=1\" src=\"https:\/\/i0.wp.com\/itayachtscanada.com\/wp-content\/uploads\/2023\/11\/Capture-decran-le-2023-11-22-a-09.02.09.png?w=185&#038;h=138&#038;ssl=1\" srcset=\"https:\/\/i0.wp.com\/itayachtscanada.com\/wp-content\/uploads\/2023\/11\/Capture-decran-le-2023-11-22-a-09.02.09.png?w=1438&amp;ssl=1 1438w, https:\/\/i0.wp.com\/itayachtscanada.com\/wp-content\/uploads\/2023\/11\/Capture-decran-le-2023-11-22-a-09.02.09.png?resize=300%2C224&amp;ssl=1 300w, https:\/\/i0.wp.com\/itayachtscanada.com\/wp-content\/uploads\/2023\/11\/Capture-decran-le-2023-11-22-a-09.02.09.png?resize=1024%2C766&amp;ssl=1 1024w, https:\/\/i0.wp.com\/itayachtscanada.com\/wp-content\/uploads\/2023\/11\/Capture-decran-le-2023-11-22-a-09.02.09.png?resize=768%2C575&amp;ssl=1 768w, https:\/\/i0.wp.com\/itayachtscanada.com\/wp-content\/uploads\/2023\/11\/Capture-decran-le-2023-11-22-a-09.02.09.png?resize=1200%2C898&amp;ssl=1 1200w, https:\/\/i0.wp.com\/itayachtscanada.com\/wp-content\/uploads\/2023\/11\/Capture-decran-le-2023-11-22-a-09.02.09.png?resize=800%2C600&amp;ssl=1 800w, https:\/\/i0.wp.com\/itayachtscanada.com\/wp-content\/uploads\/2023\/11\/Capture-decran-le-2023-11-22-a-09.02.09.png?resize=600%2C450&amp;ssl=1 600w, https:\/\/i0.wp.com\/itayachtscanada.com\/wp-content\/uploads\/2023\/11\/Capture-decran-le-2023-11-22-a-09.02.09.png?resize=400%2C300&amp;ssl=1 400w, https:\/\/i0.wp.com\/itayachtscanada.com\/wp-content\/uploads\/2023\/11\/Capture-decran-le-2023-11-22-a-09.02.09.png?resize=200%2C150&amp;ssl=1 200w, https:\/\/i0.wp.com\/itayachtscanada.com\/wp-content\/uploads\/2023\/11\/Capture-decran-le-2023-11-22-a-09.02.09.png?resize=700%2C524&amp;ssl=1 700w, https:\/\/i0.wp.com\/itayachtscanada.com\/wp-content\/uploads\/2023\/11\/Capture-decran-le-2023-11-22-a-09.02.09.png?resize=535%2C400&amp;ssl=1 535w\" width=\"185\" height=\"138\" loading=\"lazy\" data-original-width=\"185\" data-original-height=\"138\" itemprop=\"http:\/\/schema.org\/image\" title=\"Capture d\u2019\u00e9cran, le 2023-11-22 \u00e0 09.02.09\" alt=\"Capture d\u2019\u00e9cran, le 2023-11-22 \u00e0 09.02.09\" style=\"width: 185px; height: 138px;\" \/> <\/a> <\/div> <div class=\"tiled-gallery-item tiled-gallery-item-small\" itemprop=\"associatedMedia\" itemscope itemtype=\"http:\/\/schema.org\/ImageObject\"> <a href=\"https:\/\/itayachtscanada.com\/fr\/listing\/aicon-66-vivere-2024-3695000-usd-for-sale\/capture-decran-le-2023-11-22-a-09-02-14\/\" border=\"0\" itemprop=\"url\"> <meta itemprop=\"width\" content=\"185\"> <meta itemprop=\"height\" content=\"138\"> <img decoding=\"async\" class=\"\" data-attachment-id=\"142436\" data-orig-file=\"https:\/\/itayachtscanada.com\/wp-content\/uploads\/2023\/11\/Capture-decran-le-2023-11-22-a-09.02.14.png\" data-orig-size=\"1438,1076\" data-comments-opened=\"1\" data-image-meta=\"{&quot;aperture&quot;:&quot;0&quot;,&quot;credit&quot;:&quot;&quot;,&quot;camera&quot;:&quot;&quot;,&quot;caption&quot;:&quot;&quot;,&quot;created_timestamp&quot;:&quot;0&quot;,&quot;copyright&quot;:&quot;&quot;,&quot;focal_length&quot;:&quot;0&quot;,&quot;iso&quot;:&quot;0&quot;,&quot;shutter_speed&quot;:&quot;0&quot;,&quot;title&quot;:&quot;&quot;,&quot;orientation&quot;:&quot;0&quot;}\" data-image-title=\"Capture d\u2019\u00e9cran, le 2023-11-22 \u00e0 09.02.14\" data-image-description=\"\" data-medium-file=\"https:\/\/i0.wp.com\/itayachtscanada.com\/wp-content\/uploads\/2023\/11\/Capture-decran-le-2023-11-22-a-09.02.14.png?fit=300%2C224&#038;ssl=1\" data-large-file=\"https:\/\/i0.wp.com\/itayachtscanada.com\/wp-content\/uploads\/2023\/11\/Capture-decran-le-2023-11-22-a-09.02.14.png?fit=700%2C524&#038;ssl=1\" src=\"https:\/\/i0.wp.com\/itayachtscanada.com\/wp-content\/uploads\/2023\/11\/Capture-decran-le-2023-11-22-a-09.02.14.png?w=185&#038;h=138&#038;ssl=1\" srcset=\"https:\/\/i0.wp.com\/itayachtscanada.com\/wp-content\/uploads\/2023\/11\/Capture-decran-le-2023-11-22-a-09.02.14.png?w=1438&amp;ssl=1 1438w, https:\/\/i0.wp.com\/itayachtscanada.com\/wp-content\/uploads\/2023\/11\/Capture-decran-le-2023-11-22-a-09.02.14.png?resize=300%2C224&amp;ssl=1 300w, https:\/\/i0.wp.com\/itayachtscanada.com\/wp-content\/uploads\/2023\/11\/Capture-decran-le-2023-11-22-a-09.02.14.png?resize=1024%2C766&amp;ssl=1 1024w, https:\/\/i0.wp.com\/itayachtscanada.com\/wp-content\/uploads\/2023\/11\/Capture-decran-le-2023-11-22-a-09.02.14.png?resize=768%2C575&amp;ssl=1 768w, https:\/\/i0.wp.com\/itayachtscanada.com\/wp-content\/uploads\/2023\/11\/Capture-decran-le-2023-11-22-a-09.02.14.png?resize=1200%2C898&amp;ssl=1 1200w, https:\/\/i0.wp.com\/itayachtscanada.com\/wp-content\/uploads\/2023\/11\/Capture-decran-le-2023-11-22-a-09.02.14.png?resize=800%2C600&amp;ssl=1 800w, https:\/\/i0.wp.com\/itayachtscanada.com\/wp-content\/uploads\/2023\/11\/Capture-decran-le-2023-11-22-a-09.02.14.png?resize=600%2C450&amp;ssl=1 600w, https:\/\/i0.wp.com\/itayachtscanada.com\/wp-content\/uploads\/2023\/11\/Capture-decran-le-2023-11-22-a-09.02.14.png?resize=400%2C300&amp;ssl=1 400w, https:\/\/i0.wp.com\/itayachtscanada.com\/wp-content\/uploads\/2023\/11\/Capture-decran-le-2023-11-22-a-09.02.14.png?resize=200%2C150&amp;ssl=1 200w, https:\/\/i0.wp.com\/itayachtscanada.com\/wp-content\/uploads\/2023\/11\/Capture-decran-le-2023-11-22-a-09.02.14.png?resize=700%2C524&amp;ssl=1 700w, https:\/\/i0.wp.com\/itayachtscanada.com\/wp-content\/uploads\/2023\/11\/Capture-decran-le-2023-11-22-a-09.02.14.png?resize=535%2C400&amp;ssl=1 535w\" width=\"185\" height=\"138\" loading=\"lazy\" data-original-width=\"185\" data-original-height=\"138\" itemprop=\"http:\/\/schema.org\/image\" title=\"Capture d\u2019\u00e9cran, le 2023-11-22 \u00e0 09.02.14\" alt=\"Capture d\u2019\u00e9cran, le 2023-11-22 \u00e0 09.02.14\" style=\"width: 185px; height: 138px;\" \/> <\/a> <\/div> <\/div> <!-- close group --> <\/div> <!-- close row --> <div class=\"gallery-row\" style=\"width: 700px; height: 336px;\" data-original-width=\"700\" data-original-height=\"336\" > <div class=\"gallery-group images-1\" style=\"width: 252px; height: 336px;\" data-original-width=\"252\" data-original-height=\"336\" > <div class=\"tiled-gallery-item tiled-gallery-item-small\" itemprop=\"associatedMedia\" itemscope itemtype=\"http:\/\/schema.org\/ImageObject\"> <a href=\"https:\/\/itayachtscanada.com\/fr\/listing\/aicon-66-vivere-2024-3695000-usd-for-sale\/capture-decran-le-2023-11-22-a-09-04-24\/\" border=\"0\" itemprop=\"url\"> <meta itemprop=\"width\" content=\"248\"> <meta itemprop=\"height\" content=\"332\"> <img decoding=\"async\" class=\"\" data-attachment-id=\"142420\" data-orig-file=\"https:\/\/itayachtscanada.com\/wp-content\/uploads\/2023\/11\/Capture-decran-le-2023-11-22-a-09.04.24.png\" data-orig-size=\"804,1076\" data-comments-opened=\"1\" data-image-meta=\"{&quot;aperture&quot;:&quot;0&quot;,&quot;credit&quot;:&quot;&quot;,&quot;camera&quot;:&quot;&quot;,&quot;caption&quot;:&quot;&quot;,&quot;created_timestamp&quot;:&quot;0&quot;,&quot;copyright&quot;:&quot;&quot;,&quot;focal_length&quot;:&quot;0&quot;,&quot;iso&quot;:&quot;0&quot;,&quot;shutter_speed&quot;:&quot;0&quot;,&quot;title&quot;:&quot;&quot;,&quot;orientation&quot;:&quot;0&quot;}\" data-image-title=\"Capture d\u2019\u00e9cran, le 2023-11-22 \u00e0 09.04.24\" data-image-description=\"\" data-medium-file=\"https:\/\/i0.wp.com\/itayachtscanada.com\/wp-content\/uploads\/2023\/11\/Capture-decran-le-2023-11-22-a-09.04.24.png?fit=224%2C300&#038;ssl=1\" data-large-file=\"https:\/\/i0.wp.com\/itayachtscanada.com\/wp-content\/uploads\/2023\/11\/Capture-decran-le-2023-11-22-a-09.04.24.png?fit=700%2C937&#038;ssl=1\" src=\"https:\/\/i0.wp.com\/itayachtscanada.com\/wp-content\/uploads\/2023\/11\/Capture-decran-le-2023-11-22-a-09.04.24.png?w=248&#038;h=332&#038;ssl=1\" srcset=\"https:\/\/i0.wp.com\/itayachtscanada.com\/wp-content\/uploads\/2023\/11\/Capture-decran-le-2023-11-22-a-09.04.24.png?w=804&amp;ssl=1 804w, https:\/\/i0.wp.com\/itayachtscanada.com\/wp-content\/uploads\/2023\/11\/Capture-decran-le-2023-11-22-a-09.04.24.png?resize=224%2C300&amp;ssl=1 224w, https:\/\/i0.wp.com\/itayachtscanada.com\/wp-content\/uploads\/2023\/11\/Capture-decran-le-2023-11-22-a-09.04.24.png?resize=765%2C1024&amp;ssl=1 765w, https:\/\/i0.wp.com\/itayachtscanada.com\/wp-content\/uploads\/2023\/11\/Capture-decran-le-2023-11-22-a-09.04.24.png?resize=768%2C1028&amp;ssl=1 768w, https:\/\/i0.wp.com\/itayachtscanada.com\/wp-content\/uploads\/2023\/11\/Capture-decran-le-2023-11-22-a-09.04.24.png?resize=600%2C800&amp;ssl=1 600w, https:\/\/i0.wp.com\/itayachtscanada.com\/wp-content\/uploads\/2023\/11\/Capture-decran-le-2023-11-22-a-09.04.24.png?resize=450%2C600&amp;ssl=1 450w, https:\/\/i0.wp.com\/itayachtscanada.com\/wp-content\/uploads\/2023\/11\/Capture-decran-le-2023-11-22-a-09.04.24.png?resize=300%2C400&amp;ssl=1 300w, https:\/\/i0.wp.com\/itayachtscanada.com\/wp-content\/uploads\/2023\/11\/Capture-decran-le-2023-11-22-a-09.04.24.png?resize=150%2C200&amp;ssl=1 150w, https:\/\/i0.wp.com\/itayachtscanada.com\/wp-content\/uploads\/2023\/11\/Capture-decran-le-2023-11-22-a-09.04.24.png?resize=700%2C937&amp;ssl=1 700w, https:\/\/i0.wp.com\/itayachtscanada.com\/wp-content\/uploads\/2023\/11\/Capture-decran-le-2023-11-22-a-09.04.24.png?resize=299%2C400&amp;ssl=1 299w\" width=\"248\" height=\"332\" loading=\"lazy\" data-original-width=\"248\" data-original-height=\"332\" itemprop=\"http:\/\/schema.org\/image\" title=\"Capture d\u2019\u00e9cran, le 2023-11-22 \u00e0 09.04.24\" alt=\"Capture d\u2019\u00e9cran, le 2023-11-22 \u00e0 09.04.24\" style=\"width: 248px; height: 332px;\" \/> <\/a> <\/div> <\/div> <!-- close group --> <div class=\"gallery-group images-1\" style=\"width: 448px; height: 336px;\" data-original-width=\"448\" data-original-height=\"336\" > <div class=\"tiled-gallery-item tiled-gallery-item-large\" itemprop=\"associatedMedia\" itemscope itemtype=\"http:\/\/schema.org\/ImageObject\"> <a href=\"https:\/\/itayachtscanada.com\/fr\/listing\/aicon-66-vivere-2024-3695000-usd-for-sale\/capture-decran-le-2023-11-22-a-09-02-05\/\" border=\"0\" itemprop=\"url\"> <meta itemprop=\"width\" content=\"444\"> <meta itemprop=\"height\" content=\"332\"> <img decoding=\"async\" class=\"\" data-attachment-id=\"142438\" data-orig-file=\"https:\/\/itayachtscanada.com\/wp-content\/uploads\/2023\/11\/Capture-decran-le-2023-11-22-a-09.02.05.png\" data-orig-size=\"1438,1076\" data-comments-opened=\"1\" data-image-meta=\"{&quot;aperture&quot;:&quot;0&quot;,&quot;credit&quot;:&quot;&quot;,&quot;camera&quot;:&quot;&quot;,&quot;caption&quot;:&quot;&quot;,&quot;created_timestamp&quot;:&quot;0&quot;,&quot;copyright&quot;:&quot;&quot;,&quot;focal_length&quot;:&quot;0&quot;,&quot;iso&quot;:&quot;0&quot;,&quot;shutter_speed&quot;:&quot;0&quot;,&quot;title&quot;:&quot;&quot;,&quot;orientation&quot;:&quot;0&quot;}\" data-image-title=\"Capture d\u2019\u00e9cran, le 2023-11-22 \u00e0 09.02.05\" data-image-description=\"\" data-medium-file=\"https:\/\/i0.wp.com\/itayachtscanada.com\/wp-content\/uploads\/2023\/11\/Capture-decran-le-2023-11-22-a-09.02.05.png?fit=300%2C224&#038;ssl=1\" data-large-file=\"https:\/\/i0.wp.com\/itayachtscanada.com\/wp-content\/uploads\/2023\/11\/Capture-decran-le-2023-11-22-a-09.02.05.png?fit=700%2C524&#038;ssl=1\" src=\"https:\/\/i0.wp.com\/itayachtscanada.com\/wp-content\/uploads\/2023\/11\/Capture-decran-le-2023-11-22-a-09.02.05.png?w=444&#038;h=332&#038;ssl=1\" srcset=\"https:\/\/i0.wp.com\/itayachtscanada.com\/wp-content\/uploads\/2023\/11\/Capture-decran-le-2023-11-22-a-09.02.05.png?w=1438&amp;ssl=1 1438w, https:\/\/i0.wp.com\/itayachtscanada.com\/wp-content\/uploads\/2023\/11\/Capture-decran-le-2023-11-22-a-09.02.05.png?resize=300%2C224&amp;ssl=1 300w, https:\/\/i0.wp.com\/itayachtscanada.com\/wp-content\/uploads\/2023\/11\/Capture-decran-le-2023-11-22-a-09.02.05.png?resize=1024%2C766&amp;ssl=1 1024w, https:\/\/i0.wp.com\/itayachtscanada.com\/wp-content\/uploads\/2023\/11\/Capture-decran-le-2023-11-22-a-09.02.05.png?resize=768%2C575&amp;ssl=1 768w, https:\/\/i0.wp.com\/itayachtscanada.com\/wp-content\/uploads\/2023\/11\/Capture-decran-le-2023-11-22-a-09.02.05.png?resize=1200%2C898&amp;ssl=1 1200w, https:\/\/i0.wp.com\/itayachtscanada.com\/wp-content\/uploads\/2023\/11\/Capture-decran-le-2023-11-22-a-09.02.05.png?resize=800%2C600&amp;ssl=1 800w, https:\/\/i0.wp.com\/itayachtscanada.com\/wp-content\/uploads\/2023\/11\/Capture-decran-le-2023-11-22-a-09.02.05.png?resize=600%2C450&amp;ssl=1 600w, https:\/\/i0.wp.com\/itayachtscanada.com\/wp-content\/uploads\/2023\/11\/Capture-decran-le-2023-11-22-a-09.02.05.png?resize=400%2C300&amp;ssl=1 400w, https:\/\/i0.wp.com\/itayachtscanada.com\/wp-content\/uploads\/2023\/11\/Capture-decran-le-2023-11-22-a-09.02.05.png?resize=200%2C150&amp;ssl=1 200w, https:\/\/i0.wp.com\/itayachtscanada.com\/wp-content\/uploads\/2023\/11\/Capture-decran-le-2023-11-22-a-09.02.05.png?resize=700%2C524&amp;ssl=1 700w, https:\/\/i0.wp.com\/itayachtscanada.com\/wp-content\/uploads\/2023\/11\/Capture-decran-le-2023-11-22-a-09.02.05.png?resize=535%2C400&amp;ssl=1 535w\" width=\"444\" height=\"332\" loading=\"lazy\" data-original-width=\"444\" data-original-height=\"332\" itemprop=\"http:\/\/schema.org\/image\" title=\"Capture d\u2019\u00e9cran, le 2023-11-22 \u00e0 09.02.05\" alt=\"Capture d\u2019\u00e9cran, le 2023-11-22 \u00e0 09.02.05\" style=\"width: 444px; height: 332px;\" \/> <\/a> <\/div> <\/div> <!-- close group --> <\/div> <!-- close row --> <div class=\"gallery-row\" style=\"width: 700px; height: 466px;\" data-original-width=\"700\" data-original-height=\"466\" > <div class=\"gallery-group images-1\" style=\"width: 350px; height: 466px;\" data-original-width=\"350\" data-original-height=\"466\" > <div class=\"tiled-gallery-item tiled-gallery-item-large\" itemprop=\"associatedMedia\" itemscope itemtype=\"http:\/\/schema.org\/ImageObject\"> <a href=\"https:\/\/itayachtscanada.com\/fr\/listing\/aicon-66-vivere-2024-3695000-usd-for-sale\/capture-decran-le-2023-11-22-a-09-04-46\/\" border=\"0\" itemprop=\"url\"> <meta itemprop=\"width\" content=\"346\"> <meta itemprop=\"height\" content=\"462\"> <img decoding=\"async\" class=\"\" data-attachment-id=\"142417\" data-orig-file=\"https:\/\/itayachtscanada.com\/wp-content\/uploads\/2023\/11\/Capture-decran-le-2023-11-22-a-09.04.46.png\" data-orig-size=\"806,1076\" data-comments-opened=\"1\" data-image-meta=\"{&quot;aperture&quot;:&quot;0&quot;,&quot;credit&quot;:&quot;&quot;,&quot;camera&quot;:&quot;&quot;,&quot;caption&quot;:&quot;&quot;,&quot;created_timestamp&quot;:&quot;0&quot;,&quot;copyright&quot;:&quot;&quot;,&quot;focal_length&quot;:&quot;0&quot;,&quot;iso&quot;:&quot;0&quot;,&quot;shutter_speed&quot;:&quot;0&quot;,&quot;title&quot;:&quot;&quot;,&quot;orientation&quot;:&quot;0&quot;}\" data-image-title=\"Capture d\u2019\u00e9cran, le 2023-11-22 \u00e0 09.04.46\" data-image-description=\"\" data-medium-file=\"https:\/\/i0.wp.com\/itayachtscanada.com\/wp-content\/uploads\/2023\/11\/Capture-decran-le-2023-11-22-a-09.04.46.png?fit=225%2C300&#038;ssl=1\" data-large-file=\"https:\/\/i0.wp.com\/itayachtscanada.com\/wp-content\/uploads\/2023\/11\/Capture-decran-le-2023-11-22-a-09.04.46.png?fit=700%2C935&#038;ssl=1\" src=\"https:\/\/i0.wp.com\/itayachtscanada.com\/wp-content\/uploads\/2023\/11\/Capture-decran-le-2023-11-22-a-09.04.46.png?w=346&#038;h=462&#038;ssl=1\" srcset=\"https:\/\/i0.wp.com\/itayachtscanada.com\/wp-content\/uploads\/2023\/11\/Capture-decran-le-2023-11-22-a-09.04.46.png?w=806&amp;ssl=1 806w, https:\/\/i0.wp.com\/itayachtscanada.com\/wp-content\/uploads\/2023\/11\/Capture-decran-le-2023-11-22-a-09.04.46.png?resize=225%2C300&amp;ssl=1 225w, https:\/\/i0.wp.com\/itayachtscanada.com\/wp-content\/uploads\/2023\/11\/Capture-decran-le-2023-11-22-a-09.04.46.png?resize=767%2C1024&amp;ssl=1 767w, https:\/\/i0.wp.com\/itayachtscanada.com\/wp-content\/uploads\/2023\/11\/Capture-decran-le-2023-11-22-a-09.04.46.png?resize=768%2C1025&amp;ssl=1 768w, https:\/\/i0.wp.com\/itayachtscanada.com\/wp-content\/uploads\/2023\/11\/Capture-decran-le-2023-11-22-a-09.04.46.png?resize=600%2C800&amp;ssl=1 600w, https:\/\/i0.wp.com\/itayachtscanada.com\/wp-content\/uploads\/2023\/11\/Capture-decran-le-2023-11-22-a-09.04.46.png?resize=450%2C600&amp;ssl=1 450w, https:\/\/i0.wp.com\/itayachtscanada.com\/wp-content\/uploads\/2023\/11\/Capture-decran-le-2023-11-22-a-09.04.46.png?resize=300%2C400&amp;ssl=1 300w, https:\/\/i0.wp.com\/itayachtscanada.com\/wp-content\/uploads\/2023\/11\/Capture-decran-le-2023-11-22-a-09.04.46.png?resize=150%2C200&amp;ssl=1 150w, https:\/\/i0.wp.com\/itayachtscanada.com\/wp-content\/uploads\/2023\/11\/Capture-decran-le-2023-11-22-a-09.04.46.png?resize=700%2C934&amp;ssl=1 700w\" width=\"346\" height=\"462\" loading=\"lazy\" data-original-width=\"346\" data-original-height=\"462\" itemprop=\"http:\/\/schema.org\/image\" title=\"Capture d\u2019\u00e9cran, le 2023-11-22 \u00e0 09.04.46\" alt=\"Capture d\u2019\u00e9cran, le 2023-11-22 \u00e0 09.04.46\" style=\"width: 346px; height: 462px;\" \/> <\/a> <\/div> <\/div> <!-- close group --> <div class=\"gallery-group images-1\" style=\"width: 350px; height: 466px;\" data-original-width=\"350\" data-original-height=\"466\" > <div class=\"tiled-gallery-item tiled-gallery-item-large\" itemprop=\"associatedMedia\" itemscope itemtype=\"http:\/\/schema.org\/ImageObject\"> <a href=\"https:\/\/itayachtscanada.com\/fr\/listing\/aicon-66-vivere-2024-3695000-usd-for-sale\/capture-decran-le-2023-11-22-a-09-04-43\/\" border=\"0\" itemprop=\"url\"> <meta itemprop=\"width\" content=\"346\"> <meta itemprop=\"height\" content=\"462\"> <img decoding=\"async\" class=\"\" data-attachment-id=\"142418\" data-orig-file=\"https:\/\/itayachtscanada.com\/wp-content\/uploads\/2023\/11\/Capture-decran-le-2023-11-22-a-09.04.43.png\" data-orig-size=\"806,1076\" data-comments-opened=\"1\" data-image-meta=\"{&quot;aperture&quot;:&quot;0&quot;,&quot;credit&quot;:&quot;&quot;,&quot;camera&quot;:&quot;&quot;,&quot;caption&quot;:&quot;&quot;,&quot;created_timestamp&quot;:&quot;0&quot;,&quot;copyright&quot;:&quot;&quot;,&quot;focal_length&quot;:&quot;0&quot;,&quot;iso&quot;:&quot;0&quot;,&quot;shutter_speed&quot;:&quot;0&quot;,&quot;title&quot;:&quot;&quot;,&quot;orientation&quot;:&quot;0&quot;}\" data-image-title=\"Capture d\u2019\u00e9cran, le 2023-11-22 \u00e0 09.04.43\" data-image-description=\"\" data-medium-file=\"https:\/\/i0.wp.com\/itayachtscanada.com\/wp-content\/uploads\/2023\/11\/Capture-decran-le-2023-11-22-a-09.04.43.png?fit=225%2C300&#038;ssl=1\" data-large-file=\"https:\/\/i0.wp.com\/itayachtscanada.com\/wp-content\/uploads\/2023\/11\/Capture-decran-le-2023-11-22-a-09.04.43.png?fit=700%2C935&#038;ssl=1\" src=\"https:\/\/i0.wp.com\/itayachtscanada.com\/wp-content\/uploads\/2023\/11\/Capture-decran-le-2023-11-22-a-09.04.43.png?w=346&#038;h=462&#038;ssl=1\" srcset=\"https:\/\/i0.wp.com\/itayachtscanada.com\/wp-content\/uploads\/2023\/11\/Capture-decran-le-2023-11-22-a-09.04.43.png?w=806&amp;ssl=1 806w, https:\/\/i0.wp.com\/itayachtscanada.com\/wp-content\/uploads\/2023\/11\/Capture-decran-le-2023-11-22-a-09.04.43.png?resize=225%2C300&amp;ssl=1 225w, https:\/\/i0.wp.com\/itayachtscanada.com\/wp-content\/uploads\/2023\/11\/Capture-decran-le-2023-11-22-a-09.04.43.png?resize=767%2C1024&amp;ssl=1 767w, https:\/\/i0.wp.com\/itayachtscanada.com\/wp-content\/uploads\/2023\/11\/Capture-decran-le-2023-11-22-a-09.04.43.png?resize=768%2C1025&amp;ssl=1 768w, https:\/\/i0.wp.com\/itayachtscanada.com\/wp-content\/uploads\/2023\/11\/Capture-decran-le-2023-11-22-a-09.04.43.png?resize=600%2C800&amp;ssl=1 600w, https:\/\/i0.wp.com\/itayachtscanada.com\/wp-content\/uploads\/2023\/11\/Capture-decran-le-2023-11-22-a-09.04.43.png?resize=450%2C600&amp;ssl=1 450w, https:\/\/i0.wp.com\/itayachtscanada.com\/wp-content\/uploads\/2023\/11\/Capture-decran-le-2023-11-22-a-09.04.43.png?resize=300%2C400&amp;ssl=1 300w, https:\/\/i0.wp.com\/itayachtscanada.com\/wp-content\/uploads\/2023\/11\/Capture-decran-le-2023-11-22-a-09.04.43.png?resize=150%2C200&amp;ssl=1 150w, https:\/\/i0.wp.com\/itayachtscanada.com\/wp-content\/uploads\/2023\/11\/Capture-decran-le-2023-11-22-a-09.04.43.png?resize=700%2C934&amp;ssl=1 700w\" width=\"346\" height=\"462\" loading=\"lazy\" data-original-width=\"346\" data-original-height=\"462\" itemprop=\"http:\/\/schema.org\/image\" title=\"Capture d\u2019\u00e9cran, le 2023-11-22 \u00e0 09.04.43\" alt=\"Capture d\u2019\u00e9cran, le 2023-11-22 \u00e0 09.04.43\" style=\"width: 346px; height: 462px;\" \/> <\/a> <\/div> <\/div> <!-- close group --> <\/div> <!-- close row --> <div class=\"gallery-row\" style=\"width: 700px; height: 335px;\" data-original-width=\"700\" data-original-height=\"335\" > <div class=\"gallery-group images-1\" style=\"width: 447px; height: 335px;\" data-original-width=\"447\" data-original-height=\"335\" > <div class=\"tiled-gallery-item tiled-gallery-item-large\" itemprop=\"associatedMedia\" itemscope itemtype=\"http:\/\/schema.org\/ImageObject\"> <a href=\"https:\/\/itayachtscanada.com\/fr\/listing\/aicon-66-vivere-2024-3695000-usd-for-sale\/capture-decran-le-2023-11-22-a-09-04-34\/\" border=\"0\" itemprop=\"url\"> <meta itemprop=\"width\" content=\"443\"> <meta itemprop=\"height\" content=\"331\"> <img decoding=\"async\" class=\"\" data-attachment-id=\"142419\" data-orig-file=\"https:\/\/itayachtscanada.com\/wp-content\/uploads\/2023\/11\/Capture-decran-le-2023-11-22-a-09.04.34.png\" data-orig-size=\"1440,1076\" data-comments-opened=\"1\" data-image-meta=\"{&quot;aperture&quot;:&quot;0&quot;,&quot;credit&quot;:&quot;&quot;,&quot;camera&quot;:&quot;&quot;,&quot;caption&quot;:&quot;&quot;,&quot;created_timestamp&quot;:&quot;0&quot;,&quot;copyright&quot;:&quot;&quot;,&quot;focal_length&quot;:&quot;0&quot;,&quot;iso&quot;:&quot;0&quot;,&quot;shutter_speed&quot;:&quot;0&quot;,&quot;title&quot;:&quot;&quot;,&quot;orientation&quot;:&quot;0&quot;}\" data-image-title=\"Capture d\u2019\u00e9cran, le 2023-11-22 \u00e0 09.04.34\" data-image-description=\"\" data-medium-file=\"https:\/\/i0.wp.com\/itayachtscanada.com\/wp-content\/uploads\/2023\/11\/Capture-decran-le-2023-11-22-a-09.04.34.png?fit=300%2C224&#038;ssl=1\" data-large-file=\"https:\/\/i0.wp.com\/itayachtscanada.com\/wp-content\/uploads\/2023\/11\/Capture-decran-le-2023-11-22-a-09.04.34.png?fit=700%2C523&#038;ssl=1\" src=\"https:\/\/i0.wp.com\/itayachtscanada.com\/wp-content\/uploads\/2023\/11\/Capture-decran-le-2023-11-22-a-09.04.34.png?w=443&#038;h=331&#038;ssl=1\" srcset=\"https:\/\/i0.wp.com\/itayachtscanada.com\/wp-content\/uploads\/2023\/11\/Capture-decran-le-2023-11-22-a-09.04.34.png?w=1440&amp;ssl=1 1440w, https:\/\/i0.wp.com\/itayachtscanada.com\/wp-content\/uploads\/2023\/11\/Capture-decran-le-2023-11-22-a-09.04.34.png?resize=300%2C224&amp;ssl=1 300w, https:\/\/i0.wp.com\/itayachtscanada.com\/wp-content\/uploads\/2023\/11\/Capture-decran-le-2023-11-22-a-09.04.34.png?resize=1024%2C765&amp;ssl=1 1024w, https:\/\/i0.wp.com\/itayachtscanada.com\/wp-content\/uploads\/2023\/11\/Capture-decran-le-2023-11-22-a-09.04.34.png?resize=768%2C574&amp;ssl=1 768w, https:\/\/i0.wp.com\/itayachtscanada.com\/wp-content\/uploads\/2023\/11\/Capture-decran-le-2023-11-22-a-09.04.34.png?resize=1200%2C897&amp;ssl=1 1200w, https:\/\/i0.wp.com\/itayachtscanada.com\/wp-content\/uploads\/2023\/11\/Capture-decran-le-2023-11-22-a-09.04.34.png?resize=800%2C600&amp;ssl=1 800w, https:\/\/i0.wp.com\/itayachtscanada.com\/wp-content\/uploads\/2023\/11\/Capture-decran-le-2023-11-22-a-09.04.34.png?resize=600%2C450&amp;ssl=1 600w, https:\/\/i0.wp.com\/itayachtscanada.com\/wp-content\/uploads\/2023\/11\/Capture-decran-le-2023-11-22-a-09.04.34.png?resize=400%2C300&amp;ssl=1 400w, https:\/\/i0.wp.com\/itayachtscanada.com\/wp-content\/uploads\/2023\/11\/Capture-decran-le-2023-11-22-a-09.04.34.png?resize=200%2C150&amp;ssl=1 200w, https:\/\/i0.wp.com\/itayachtscanada.com\/wp-content\/uploads\/2023\/11\/Capture-decran-le-2023-11-22-a-09.04.34.png?resize=700%2C523&amp;ssl=1 700w, https:\/\/i0.wp.com\/itayachtscanada.com\/wp-content\/uploads\/2023\/11\/Capture-decran-le-2023-11-22-a-09.04.34.png?resize=535%2C400&amp;ssl=1 535w\" width=\"443\" height=\"331\" loading=\"lazy\" data-original-width=\"443\" data-original-height=\"331\" itemprop=\"http:\/\/schema.org\/image\" title=\"Capture d\u2019\u00e9cran, le 2023-11-22 \u00e0 09.04.34\" alt=\"Capture d\u2019\u00e9cran, le 2023-11-22 \u00e0 09.04.34\" style=\"width: 443px; height: 331px;\" \/> <\/a> <\/div> <\/div> <!-- close group --> <div class=\"gallery-group images-1\" style=\"width: 253px; height: 335px;\" data-original-width=\"253\" data-original-height=\"335\" > <div class=\"tiled-gallery-item tiled-gallery-item-small\" itemprop=\"associatedMedia\" itemscope itemtype=\"http:\/\/schema.org\/ImageObject\"> <a href=\"https:\/\/itayachtscanada.com\/fr\/listing\/aicon-66-vivere-2024-3695000-usd-for-sale\/capture-decran-le-2023-11-22-a-09-01-28\/\" border=\"0\" itemprop=\"url\"> <meta itemprop=\"width\" content=\"249\"> <meta itemprop=\"height\" content=\"331\"> <img decoding=\"async\" class=\"\" data-attachment-id=\"142444\" data-orig-file=\"https:\/\/itayachtscanada.com\/wp-content\/uploads\/2023\/11\/Capture-decran-le-2023-11-22-a-09.01.28.png\" data-orig-size=\"810,1076\" data-comments-opened=\"1\" data-image-meta=\"{&quot;aperture&quot;:&quot;0&quot;,&quot;credit&quot;:&quot;&quot;,&quot;camera&quot;:&quot;&quot;,&quot;caption&quot;:&quot;&quot;,&quot;created_timestamp&quot;:&quot;0&quot;,&quot;copyright&quot;:&quot;&quot;,&quot;focal_length&quot;:&quot;0&quot;,&quot;iso&quot;:&quot;0&quot;,&quot;shutter_speed&quot;:&quot;0&quot;,&quot;title&quot;:&quot;&quot;,&quot;orientation&quot;:&quot;0&quot;}\" data-image-title=\"Capture d\u2019\u00e9cran, le 2023-11-22 \u00e0 09.01.28\" data-image-description=\"\" data-medium-file=\"https:\/\/i0.wp.com\/itayachtscanada.com\/wp-content\/uploads\/2023\/11\/Capture-decran-le-2023-11-22-a-09.01.28.png?fit=226%2C300&#038;ssl=1\" data-large-file=\"https:\/\/i0.wp.com\/itayachtscanada.com\/wp-content\/uploads\/2023\/11\/Capture-decran-le-2023-11-22-a-09.01.28.png?fit=700%2C930&#038;ssl=1\" src=\"https:\/\/i0.wp.com\/itayachtscanada.com\/wp-content\/uploads\/2023\/11\/Capture-decran-le-2023-11-22-a-09.01.28.png?w=249&#038;h=331&#038;ssl=1\" srcset=\"https:\/\/i0.wp.com\/itayachtscanada.com\/wp-content\/uploads\/2023\/11\/Capture-decran-le-2023-11-22-a-09.01.28.png?w=810&amp;ssl=1 810w, https:\/\/i0.wp.com\/itayachtscanada.com\/wp-content\/uploads\/2023\/11\/Capture-decran-le-2023-11-22-a-09.01.28.png?resize=226%2C300&amp;ssl=1 226w, https:\/\/i0.wp.com\/itayachtscanada.com\/wp-content\/uploads\/2023\/11\/Capture-decran-le-2023-11-22-a-09.01.28.png?resize=771%2C1024&amp;ssl=1 771w, https:\/\/i0.wp.com\/itayachtscanada.com\/wp-content\/uploads\/2023\/11\/Capture-decran-le-2023-11-22-a-09.01.28.png?resize=768%2C1020&amp;ssl=1 768w, https:\/\/i0.wp.com\/itayachtscanada.com\/wp-content\/uploads\/2023\/11\/Capture-decran-le-2023-11-22-a-09.01.28.png?resize=600%2C800&amp;ssl=1 600w, https:\/\/i0.wp.com\/itayachtscanada.com\/wp-content\/uploads\/2023\/11\/Capture-decran-le-2023-11-22-a-09.01.28.png?resize=450%2C600&amp;ssl=1 450w, https:\/\/i0.wp.com\/itayachtscanada.com\/wp-content\/uploads\/2023\/11\/Capture-decran-le-2023-11-22-a-09.01.28.png?resize=300%2C400&amp;ssl=1 300w, https:\/\/i0.wp.com\/itayachtscanada.com\/wp-content\/uploads\/2023\/11\/Capture-decran-le-2023-11-22-a-09.01.28.png?resize=150%2C200&amp;ssl=1 150w, https:\/\/i0.wp.com\/itayachtscanada.com\/wp-content\/uploads\/2023\/11\/Capture-decran-le-2023-11-22-a-09.01.28.png?resize=700%2C930&amp;ssl=1 700w, https:\/\/i0.wp.com\/itayachtscanada.com\/wp-content\/uploads\/2023\/11\/Capture-decran-le-2023-11-22-a-09.01.28.png?resize=301%2C400&amp;ssl=1 301w\" width=\"249\" height=\"331\" loading=\"lazy\" data-original-width=\"249\" data-original-height=\"331\" itemprop=\"http:\/\/schema.org\/image\" title=\"Capture d\u2019\u00e9cran, le 2023-11-22 \u00e0 09.01.28\" alt=\"Capture d\u2019\u00e9cran, le 2023-11-22 \u00e0 09.01.28\" style=\"width: 249px; height: 331px;\" \/> <\/a> <\/div> <\/div> <!-- close group --> <\/div> <!-- close row --> <div class=\"gallery-row\" style=\"width: 700px; height: 350px;\" data-original-width=\"700\" data-original-height=\"350\" > <div class=\"gallery-group images-1\" style=\"width: 466px; height: 350px;\" data-original-width=\"466\" data-original-height=\"350\" > <div class=\"tiled-gallery-item tiled-gallery-item-large\" itemprop=\"associatedMedia\" itemscope itemtype=\"http:\/\/schema.org\/ImageObject\"> <a href=\"https:\/\/itayachtscanada.com\/fr\/listing\/aicon-66-vivere-2024-3695000-usd-for-sale\/capture-decran-le-2023-11-22-a-09-01-02\/\" border=\"0\" itemprop=\"url\"> <meta itemprop=\"width\" content=\"462\"> <meta itemprop=\"height\" content=\"346\"> <img decoding=\"async\" class=\"\" data-attachment-id=\"142449\" data-orig-file=\"https:\/\/itayachtscanada.com\/wp-content\/uploads\/2023\/11\/Capture-decran-le-2023-11-22-a-09.01.02.png\" data-orig-size=\"1436,1076\" data-comments-opened=\"1\" data-image-meta=\"{&quot;aperture&quot;:&quot;0&quot;,&quot;credit&quot;:&quot;&quot;,&quot;camera&quot;:&quot;&quot;,&quot;caption&quot;:&quot;&quot;,&quot;created_timestamp&quot;:&quot;0&quot;,&quot;copyright&quot;:&quot;&quot;,&quot;focal_length&quot;:&quot;0&quot;,&quot;iso&quot;:&quot;0&quot;,&quot;shutter_speed&quot;:&quot;0&quot;,&quot;title&quot;:&quot;&quot;,&quot;orientation&quot;:&quot;0&quot;}\" data-image-title=\"Capture d\u2019\u00e9cran, le 2023-11-22 \u00e0 09.01.02\" data-image-description=\"\" data-medium-file=\"https:\/\/i0.wp.com\/itayachtscanada.com\/wp-content\/uploads\/2023\/11\/Capture-decran-le-2023-11-22-a-09.01.02.png?fit=300%2C225&#038;ssl=1\" data-large-file=\"https:\/\/i0.wp.com\/itayachtscanada.com\/wp-content\/uploads\/2023\/11\/Capture-decran-le-2023-11-22-a-09.01.02.png?fit=700%2C524&#038;ssl=1\" src=\"https:\/\/i0.wp.com\/itayachtscanada.com\/wp-content\/uploads\/2023\/11\/Capture-decran-le-2023-11-22-a-09.01.02.png?w=462&#038;h=346&#038;ssl=1\" srcset=\"https:\/\/i0.wp.com\/itayachtscanada.com\/wp-content\/uploads\/2023\/11\/Capture-decran-le-2023-11-22-a-09.01.02.png?w=1436&amp;ssl=1 1436w, https:\/\/i0.wp.com\/itayachtscanada.com\/wp-content\/uploads\/2023\/11\/Capture-decran-le-2023-11-22-a-09.01.02.png?resize=300%2C225&amp;ssl=1 300w, https:\/\/i0.wp.com\/itayachtscanada.com\/wp-content\/uploads\/2023\/11\/Capture-decran-le-2023-11-22-a-09.01.02.png?resize=1024%2C767&amp;ssl=1 1024w, https:\/\/i0.wp.com\/itayachtscanada.com\/wp-content\/uploads\/2023\/11\/Capture-decran-le-2023-11-22-a-09.01.02.png?resize=768%2C575&amp;ssl=1 768w, https:\/\/i0.wp.com\/itayachtscanada.com\/wp-content\/uploads\/2023\/11\/Capture-decran-le-2023-11-22-a-09.01.02.png?resize=1200%2C899&amp;ssl=1 1200w, https:\/\/i0.wp.com\/itayachtscanada.com\/wp-content\/uploads\/2023\/11\/Capture-decran-le-2023-11-22-a-09.01.02.png?resize=800%2C600&amp;ssl=1 800w, https:\/\/i0.wp.com\/itayachtscanada.com\/wp-content\/uploads\/2023\/11\/Capture-decran-le-2023-11-22-a-09.01.02.png?resize=600%2C450&amp;ssl=1 600w, https:\/\/i0.wp.com\/itayachtscanada.com\/wp-content\/uploads\/2023\/11\/Capture-decran-le-2023-11-22-a-09.01.02.png?resize=400%2C300&amp;ssl=1 400w, https:\/\/i0.wp.com\/itayachtscanada.com\/wp-content\/uploads\/2023\/11\/Capture-decran-le-2023-11-22-a-09.01.02.png?resize=200%2C150&amp;ssl=1 200w, https:\/\/i0.wp.com\/itayachtscanada.com\/wp-content\/uploads\/2023\/11\/Capture-decran-le-2023-11-22-a-09.01.02.png?resize=700%2C525&amp;ssl=1 700w, https:\/\/i0.wp.com\/itayachtscanada.com\/wp-content\/uploads\/2023\/11\/Capture-decran-le-2023-11-22-a-09.01.02.png?resize=534%2C400&amp;ssl=1 534w\" width=\"462\" height=\"346\" loading=\"lazy\" data-original-width=\"462\" data-original-height=\"346\" itemprop=\"http:\/\/schema.org\/image\" title=\"Capture d\u2019\u00e9cran, le 2023-11-22 \u00e0 09.01.02\" alt=\"Capture d\u2019\u00e9cran, le 2023-11-22 \u00e0 09.01.02\" style=\"width: 462px; height: 346px;\" \/> <\/a> <\/div> <\/div> <!-- close group --> <div class=\"gallery-group images-2\" style=\"width: 234px; height: 350px;\" data-original-width=\"234\" data-original-height=\"350\" > <div class=\"tiled-gallery-item tiled-gallery-item-small\" itemprop=\"associatedMedia\" itemscope itemtype=\"http:\/\/schema.org\/ImageObject\"> <a href=\"https:\/\/itayachtscanada.com\/fr\/listing\/aicon-66-vivere-2024-3695000-usd-for-sale\/capture-decran-le-2023-11-22-a-09-03-29\/\" border=\"0\" itemprop=\"url\"> <meta itemprop=\"width\" content=\"230\"> <meta itemprop=\"height\" content=\"170\"> <img decoding=\"async\" class=\"\" data-attachment-id=\"142426\" data-orig-file=\"https:\/\/itayachtscanada.com\/wp-content\/uploads\/2023\/11\/Capture-decran-le-2023-11-22-a-09.03.29.png\" data-orig-size=\"1452,1076\" data-comments-opened=\"1\" data-image-meta=\"{&quot;aperture&quot;:&quot;0&quot;,&quot;credit&quot;:&quot;&quot;,&quot;camera&quot;:&quot;&quot;,&quot;caption&quot;:&quot;&quot;,&quot;created_timestamp&quot;:&quot;0&quot;,&quot;copyright&quot;:&quot;&quot;,&quot;focal_length&quot;:&quot;0&quot;,&quot;iso&quot;:&quot;0&quot;,&quot;shutter_speed&quot;:&quot;0&quot;,&quot;title&quot;:&quot;&quot;,&quot;orientation&quot;:&quot;0&quot;}\" data-image-title=\"Capture d\u2019\u00e9cran, le 2023-11-22 \u00e0 09.03.29\" data-image-description=\"\" data-medium-file=\"https:\/\/i0.wp.com\/itayachtscanada.com\/wp-content\/uploads\/2023\/11\/Capture-decran-le-2023-11-22-a-09.03.29.png?fit=300%2C222&#038;ssl=1\" data-large-file=\"https:\/\/i0.wp.com\/itayachtscanada.com\/wp-content\/uploads\/2023\/11\/Capture-decran-le-2023-11-22-a-09.03.29.png?fit=700%2C519&#038;ssl=1\" src=\"https:\/\/i0.wp.com\/itayachtscanada.com\/wp-content\/uploads\/2023\/11\/Capture-decran-le-2023-11-22-a-09.03.29.png?w=230&#038;h=170&#038;ssl=1\" srcset=\"https:\/\/i0.wp.com\/itayachtscanada.com\/wp-content\/uploads\/2023\/11\/Capture-decran-le-2023-11-22-a-09.03.29.png?w=1452&amp;ssl=1 1452w, https:\/\/i0.wp.com\/itayachtscanada.com\/wp-content\/uploads\/2023\/11\/Capture-decran-le-2023-11-22-a-09.03.29.png?resize=300%2C222&amp;ssl=1 300w, https:\/\/i0.wp.com\/itayachtscanada.com\/wp-content\/uploads\/2023\/11\/Capture-decran-le-2023-11-22-a-09.03.29.png?resize=1024%2C759&amp;ssl=1 1024w, https:\/\/i0.wp.com\/itayachtscanada.com\/wp-content\/uploads\/2023\/11\/Capture-decran-le-2023-11-22-a-09.03.29.png?resize=768%2C569&amp;ssl=1 768w, https:\/\/i0.wp.com\/itayachtscanada.com\/wp-content\/uploads\/2023\/11\/Capture-decran-le-2023-11-22-a-09.03.29.png?resize=1200%2C889&amp;ssl=1 1200w, https:\/\/i0.wp.com\/itayachtscanada.com\/wp-content\/uploads\/2023\/11\/Capture-decran-le-2023-11-22-a-09.03.29.png?resize=700%2C519&amp;ssl=1 700w, https:\/\/i0.wp.com\/itayachtscanada.com\/wp-content\/uploads\/2023\/11\/Capture-decran-le-2023-11-22-a-09.03.29.png?resize=540%2C400&amp;ssl=1 540w, https:\/\/i0.wp.com\/itayachtscanada.com\/wp-content\/uploads\/2023\/11\/Capture-decran-le-2023-11-22-a-09.03.29.png?w=1400&amp;ssl=1 1400w\" width=\"230\" height=\"170\" loading=\"lazy\" data-original-width=\"230\" data-original-height=\"170\" itemprop=\"http:\/\/schema.org\/image\" title=\"Capture d\u2019\u00e9cran, le 2023-11-22 \u00e0 09.03.29\" alt=\"Capture d\u2019\u00e9cran, le 2023-11-22 \u00e0 09.03.29\" style=\"width: 230px; height: 170px;\" \/> <\/a> <\/div> <div class=\"tiled-gallery-item tiled-gallery-item-small\" itemprop=\"associatedMedia\" itemscope itemtype=\"http:\/\/schema.org\/ImageObject\"> <a href=\"https:\/\/itayachtscanada.com\/fr\/listing\/aicon-66-vivere-2024-3695000-usd-for-sale\/capture-decran-le-2023-11-22-a-09-03-12\/\" border=\"0\" itemprop=\"url\"> <meta itemprop=\"width\" content=\"230\"> <meta itemprop=\"height\" content=\"172\"> <img decoding=\"async\" class=\"\" data-attachment-id=\"142428\" data-orig-file=\"https:\/\/itayachtscanada.com\/wp-content\/uploads\/2023\/11\/Capture-decran-le-2023-11-22-a-09.03.12.png\" data-orig-size=\"1440,1076\" data-comments-opened=\"1\" data-image-meta=\"{&quot;aperture&quot;:&quot;0&quot;,&quot;credit&quot;:&quot;&quot;,&quot;camera&quot;:&quot;&quot;,&quot;caption&quot;:&quot;&quot;,&quot;created_timestamp&quot;:&quot;0&quot;,&quot;copyright&quot;:&quot;&quot;,&quot;focal_length&quot;:&quot;0&quot;,&quot;iso&quot;:&quot;0&quot;,&quot;shutter_speed&quot;:&quot;0&quot;,&quot;title&quot;:&quot;&quot;,&quot;orientation&quot;:&quot;0&quot;}\" data-image-title=\"Capture d\u2019\u00e9cran, le 2023-11-22 \u00e0 09.03.12\" data-image-description=\"\" data-medium-file=\"https:\/\/i0.wp.com\/itayachtscanada.com\/wp-content\/uploads\/2023\/11\/Capture-decran-le-2023-11-22-a-09.03.12.png?fit=300%2C224&#038;ssl=1\" data-large-file=\"https:\/\/i0.wp.com\/itayachtscanada.com\/wp-content\/uploads\/2023\/11\/Capture-decran-le-2023-11-22-a-09.03.12.png?fit=700%2C523&#038;ssl=1\" src=\"https:\/\/i0.wp.com\/itayachtscanada.com\/wp-content\/uploads\/2023\/11\/Capture-decran-le-2023-11-22-a-09.03.12.png?w=230&#038;h=172&#038;ssl=1\" srcset=\"https:\/\/i0.wp.com\/itayachtscanada.com\/wp-content\/uploads\/2023\/11\/Capture-decran-le-2023-11-22-a-09.03.12.png?w=1440&amp;ssl=1 1440w, https:\/\/i0.wp.com\/itayachtscanada.com\/wp-content\/uploads\/2023\/11\/Capture-decran-le-2023-11-22-a-09.03.12.png?resize=300%2C224&amp;ssl=1 300w, https:\/\/i0.wp.com\/itayachtscanada.com\/wp-content\/uploads\/2023\/11\/Capture-decran-le-2023-11-22-a-09.03.12.png?resize=1024%2C765&amp;ssl=1 1024w, https:\/\/i0.wp.com\/itayachtscanada.com\/wp-content\/uploads\/2023\/11\/Capture-decran-le-2023-11-22-a-09.03.12.png?resize=768%2C574&amp;ssl=1 768w, https:\/\/i0.wp.com\/itayachtscanada.com\/wp-content\/uploads\/2023\/11\/Capture-decran-le-2023-11-22-a-09.03.12.png?resize=1200%2C897&amp;ssl=1 1200w, https:\/\/i0.wp.com\/itayachtscanada.com\/wp-content\/uploads\/2023\/11\/Capture-decran-le-2023-11-22-a-09.03.12.png?resize=800%2C600&amp;ssl=1 800w, https:\/\/i0.wp.com\/itayachtscanada.com\/wp-content\/uploads\/2023\/11\/Capture-decran-le-2023-11-22-a-09.03.12.png?resize=600%2C450&amp;ssl=1 600w, https:\/\/i0.wp.com\/itayachtscanada.com\/wp-content\/uploads\/2023\/11\/Capture-decran-le-2023-11-22-a-09.03.12.png?resize=400%2C300&amp;ssl=1 400w, https:\/\/i0.wp.com\/itayachtscanada.com\/wp-content\/uploads\/2023\/11\/Capture-decran-le-2023-11-22-a-09.03.12.png?resize=200%2C150&amp;ssl=1 200w, https:\/\/i0.wp.com\/itayachtscanada.com\/wp-content\/uploads\/2023\/11\/Capture-decran-le-2023-11-22-a-09.03.12.png?resize=700%2C523&amp;ssl=1 700w, https:\/\/i0.wp.com\/itayachtscanada.com\/wp-content\/uploads\/2023\/11\/Capture-decran-le-2023-11-22-a-09.03.12.png?resize=535%2C400&amp;ssl=1 535w\" width=\"230\" height=\"172\" loading=\"lazy\" data-original-width=\"230\" data-original-height=\"172\" itemprop=\"http:\/\/schema.org\/image\" title=\"Capture d\u2019\u00e9cran, le 2023-11-22 \u00e0 09.03.12\" alt=\"Capture d\u2019\u00e9cran, le 2023-11-22 \u00e0 09.03.12\" style=\"width: 230px; height: 172px;\" \/> <\/a> <\/div> <\/div> <!-- close group --> <\/div> <!-- close row --> <div class=\"gallery-row\" style=\"width: 700px; height: 351px;\" data-original-width=\"700\" data-original-height=\"351\" > <div class=\"gallery-group images-2\" style=\"width: 234px; height: 351px;\" data-original-width=\"234\" data-original-height=\"351\" > <div class=\"tiled-gallery-item tiled-gallery-item-small\" itemprop=\"associatedMedia\" itemscope itemtype=\"http:\/\/schema.org\/ImageObject\"> <a href=\"https:\/\/itayachtscanada.com\/fr\/listing\/aicon-66-vivere-2024-3695000-usd-for-sale\/capture-decran-le-2023-11-22-a-09-00-55\/\" border=\"0\" itemprop=\"url\"> <meta itemprop=\"width\" content=\"230\"> <meta itemprop=\"height\" content=\"172\"> <img decoding=\"async\" class=\"\" data-attachment-id=\"142451\" data-orig-file=\"https:\/\/itayachtscanada.com\/wp-content\/uploads\/2023\/11\/Capture-decran-le-2023-11-22-a-09.00.55.png\" data-orig-size=\"1436,1076\" data-comments-opened=\"1\" data-image-meta=\"{&quot;aperture&quot;:&quot;0&quot;,&quot;credit&quot;:&quot;&quot;,&quot;camera&quot;:&quot;&quot;,&quot;caption&quot;:&quot;&quot;,&quot;created_timestamp&quot;:&quot;0&quot;,&quot;copyright&quot;:&quot;&quot;,&quot;focal_length&quot;:&quot;0&quot;,&quot;iso&quot;:&quot;0&quot;,&quot;shutter_speed&quot;:&quot;0&quot;,&quot;title&quot;:&quot;&quot;,&quot;orientation&quot;:&quot;0&quot;}\" data-image-title=\"Capture d\u2019\u00e9cran, le 2023-11-22 \u00e0 09.00.55\" data-image-description=\"\" data-medium-file=\"https:\/\/i0.wp.com\/itayachtscanada.com\/wp-content\/uploads\/2023\/11\/Capture-decran-le-2023-11-22-a-09.00.55.png?fit=300%2C225&#038;ssl=1\" data-large-file=\"https:\/\/i0.wp.com\/itayachtscanada.com\/wp-content\/uploads\/2023\/11\/Capture-decran-le-2023-11-22-a-09.00.55.png?fit=700%2C524&#038;ssl=1\" src=\"https:\/\/i0.wp.com\/itayachtscanada.com\/wp-content\/uploads\/2023\/11\/Capture-decran-le-2023-11-22-a-09.00.55.png?w=230&#038;h=172&#038;ssl=1\" srcset=\"https:\/\/i0.wp.com\/itayachtscanada.com\/wp-content\/uploads\/2023\/11\/Capture-decran-le-2023-11-22-a-09.00.55.png?w=1436&amp;ssl=1 1436w, https:\/\/i0.wp.com\/itayachtscanada.com\/wp-content\/uploads\/2023\/11\/Capture-decran-le-2023-11-22-a-09.00.55.png?resize=300%2C225&amp;ssl=1 300w, https:\/\/i0.wp.com\/itayachtscanada.com\/wp-content\/uploads\/2023\/11\/Capture-decran-le-2023-11-22-a-09.00.55.png?resize=1024%2C767&amp;ssl=1 1024w, https:\/\/i0.wp.com\/itayachtscanada.com\/wp-content\/uploads\/2023\/11\/Capture-decran-le-2023-11-22-a-09.00.55.png?resize=768%2C575&amp;ssl=1 768w, https:\/\/i0.wp.com\/itayachtscanada.com\/wp-content\/uploads\/2023\/11\/Capture-decran-le-2023-11-22-a-09.00.55.png?resize=1200%2C899&amp;ssl=1 1200w, https:\/\/i0.wp.com\/itayachtscanada.com\/wp-content\/uploads\/2023\/11\/Capture-decran-le-2023-11-22-a-09.00.55.png?resize=800%2C600&amp;ssl=1 800w, https:\/\/i0.wp.com\/itayachtscanada.com\/wp-content\/uploads\/2023\/11\/Capture-decran-le-2023-11-22-a-09.00.55.png?resize=600%2C450&amp;ssl=1 600w, https:\/\/i0.wp.com\/itayachtscanada.com\/wp-content\/uploads\/2023\/11\/Capture-decran-le-2023-11-22-a-09.00.55.png?resize=400%2C300&amp;ssl=1 400w, https:\/\/i0.wp.com\/itayachtscanada.com\/wp-content\/uploads\/2023\/11\/Capture-decran-le-2023-11-22-a-09.00.55.png?resize=200%2C150&amp;ssl=1 200w, https:\/\/i0.wp.com\/itayachtscanada.com\/wp-content\/uploads\/2023\/11\/Capture-decran-le-2023-11-22-a-09.00.55.png?resize=700%2C525&amp;ssl=1 700w, https:\/\/i0.wp.com\/itayachtscanada.com\/wp-content\/uploads\/2023\/11\/Capture-decran-le-2023-11-22-a-09.00.55.png?resize=534%2C400&amp;ssl=1 534w\" width=\"230\" height=\"172\" loading=\"lazy\" data-original-width=\"230\" data-original-height=\"172\" itemprop=\"http:\/\/schema.org\/image\" title=\"Capture d\u2019\u00e9cran, le 2023-11-22 \u00e0 09.00.55\" alt=\"Capture d\u2019\u00e9cran, le 2023-11-22 \u00e0 09.00.55\" style=\"width: 230px; height: 172px;\" \/> <\/a> <\/div> <div class=\"tiled-gallery-item tiled-gallery-item-small\" itemprop=\"associatedMedia\" itemscope itemtype=\"http:\/\/schema.org\/ImageObject\"> <a href=\"https:\/\/itayachtscanada.com\/fr\/listing\/aicon-66-vivere-2024-3695000-usd-for-sale\/capture-decran-le-2023-11-22-a-09-03-07\/\" border=\"0\" itemprop=\"url\"> <meta itemprop=\"width\" content=\"230\"> <meta itemprop=\"height\" content=\"171\"> <img decoding=\"async\" class=\"\" data-attachment-id=\"142429\" data-orig-file=\"https:\/\/itayachtscanada.com\/wp-content\/uploads\/2023\/11\/Capture-decran-le-2023-11-22-a-09.03.07.png\" data-orig-size=\"1440,1076\" data-comments-opened=\"1\" data-image-meta=\"{&quot;aperture&quot;:&quot;0&quot;,&quot;credit&quot;:&quot;&quot;,&quot;camera&quot;:&quot;&quot;,&quot;caption&quot;:&quot;&quot;,&quot;created_timestamp&quot;:&quot;0&quot;,&quot;copyright&quot;:&quot;&quot;,&quot;focal_length&quot;:&quot;0&quot;,&quot;iso&quot;:&quot;0&quot;,&quot;shutter_speed&quot;:&quot;0&quot;,&quot;title&quot;:&quot;&quot;,&quot;orientation&quot;:&quot;0&quot;}\" data-image-title=\"Capture d\u2019\u00e9cran, le 2023-11-22 \u00e0 09.03.07\" data-image-description=\"\" data-medium-file=\"https:\/\/i0.wp.com\/itayachtscanada.com\/wp-content\/uploads\/2023\/11\/Capture-decran-le-2023-11-22-a-09.03.07.png?fit=300%2C224&#038;ssl=1\" data-large-file=\"https:\/\/i0.wp.com\/itayachtscanada.com\/wp-content\/uploads\/2023\/11\/Capture-decran-le-2023-11-22-a-09.03.07.png?fit=700%2C523&#038;ssl=1\" src=\"https:\/\/i0.wp.com\/itayachtscanada.com\/wp-content\/uploads\/2023\/11\/Capture-decran-le-2023-11-22-a-09.03.07.png?w=230&#038;h=171&#038;ssl=1\" srcset=\"https:\/\/i0.wp.com\/itayachtscanada.com\/wp-content\/uploads\/2023\/11\/Capture-decran-le-2023-11-22-a-09.03.07.png?w=1440&amp;ssl=1 1440w, https:\/\/i0.wp.com\/itayachtscanada.com\/wp-content\/uploads\/2023\/11\/Capture-decran-le-2023-11-22-a-09.03.07.png?resize=300%2C224&amp;ssl=1 300w, https:\/\/i0.wp.com\/itayachtscanada.com\/wp-content\/uploads\/2023\/11\/Capture-decran-le-2023-11-22-a-09.03.07.png?resize=1024%2C765&amp;ssl=1 1024w, https:\/\/i0.wp.com\/itayachtscanada.com\/wp-content\/uploads\/2023\/11\/Capture-decran-le-2023-11-22-a-09.03.07.png?resize=768%2C574&amp;ssl=1 768w, https:\/\/i0.wp.com\/itayachtscanada.com\/wp-content\/uploads\/2023\/11\/Capture-decran-le-2023-11-22-a-09.03.07.png?resize=200%2C150&amp;ssl=1 200w, https:\/\/i0.wp.com\/itayachtscanada.com\/wp-content\/uploads\/2023\/11\/Capture-decran-le-2023-11-22-a-09.03.07.png?resize=1200%2C897&amp;ssl=1 1200w, https:\/\/i0.wp.com\/itayachtscanada.com\/wp-content\/uploads\/2023\/11\/Capture-decran-le-2023-11-22-a-09.03.07.png?resize=700%2C523&amp;ssl=1 700w, https:\/\/i0.wp.com\/itayachtscanada.com\/wp-content\/uploads\/2023\/11\/Capture-decran-le-2023-11-22-a-09.03.07.png?resize=535%2C400&amp;ssl=1 535w\" width=\"230\" height=\"171\" loading=\"lazy\" data-original-width=\"230\" data-original-height=\"171\" itemprop=\"http:\/\/schema.org\/image\" title=\"Capture d\u2019\u00e9cran, le 2023-11-22 \u00e0 09.03.07\" alt=\"Capture d\u2019\u00e9cran, le 2023-11-22 \u00e0 09.03.07\" style=\"width: 230px; height: 171px;\" \/> <\/a> <\/div> <\/div> <!-- close group --> <div class=\"gallery-group images-1\" style=\"width: 466px; height: 351px;\" data-original-width=\"466\" data-original-height=\"351\" > <div class=\"tiled-gallery-item tiled-gallery-item-large\" itemprop=\"associatedMedia\" itemscope itemtype=\"http:\/\/schema.org\/ImageObject\"> <a href=\"https:\/\/itayachtscanada.com\/fr\/listing\/aicon-66-vivere-2024-3695000-usd-for-sale\/capture-decran-le-2023-11-22-a-09-02-44\/\" border=\"0\" itemprop=\"url\"> <meta itemprop=\"width\" content=\"462\"> <meta itemprop=\"height\" content=\"347\"> <img decoding=\"async\" class=\"\" data-attachment-id=\"142431\" data-orig-file=\"https:\/\/itayachtscanada.com\/wp-content\/uploads\/2023\/11\/Capture-decran-le-2023-11-22-a-09.02.44.png\" data-orig-size=\"1432,1076\" data-comments-opened=\"1\" data-image-meta=\"{&quot;aperture&quot;:&quot;0&quot;,&quot;credit&quot;:&quot;&quot;,&quot;camera&quot;:&quot;&quot;,&quot;caption&quot;:&quot;&quot;,&quot;created_timestamp&quot;:&quot;0&quot;,&quot;copyright&quot;:&quot;&quot;,&quot;focal_length&quot;:&quot;0&quot;,&quot;iso&quot;:&quot;0&quot;,&quot;shutter_speed&quot;:&quot;0&quot;,&quot;title&quot;:&quot;&quot;,&quot;orientation&quot;:&quot;0&quot;}\" data-image-title=\"Capture d\u2019\u00e9cran, le 2023-11-22 \u00e0 09.02.44\" data-image-description=\"\" data-medium-file=\"https:\/\/i0.wp.com\/itayachtscanada.com\/wp-content\/uploads\/2023\/11\/Capture-decran-le-2023-11-22-a-09.02.44.png?fit=300%2C225&#038;ssl=1\" data-large-file=\"https:\/\/i0.wp.com\/itayachtscanada.com\/wp-content\/uploads\/2023\/11\/Capture-decran-le-2023-11-22-a-09.02.44.png?fit=700%2C526&#038;ssl=1\" src=\"https:\/\/i0.wp.com\/itayachtscanada.com\/wp-content\/uploads\/2023\/11\/Capture-decran-le-2023-11-22-a-09.02.44.png?w=462&#038;h=347&#038;ssl=1\" srcset=\"https:\/\/i0.wp.com\/itayachtscanada.com\/wp-content\/uploads\/2023\/11\/Capture-decran-le-2023-11-22-a-09.02.44.png?w=1432&amp;ssl=1 1432w, https:\/\/i0.wp.com\/itayachtscanada.com\/wp-content\/uploads\/2023\/11\/Capture-decran-le-2023-11-22-a-09.02.44.png?resize=300%2C225&amp;ssl=1 300w, https:\/\/i0.wp.com\/itayachtscanada.com\/wp-content\/uploads\/2023\/11\/Capture-decran-le-2023-11-22-a-09.02.44.png?resize=1024%2C769&amp;ssl=1 1024w, https:\/\/i0.wp.com\/itayachtscanada.com\/wp-content\/uploads\/2023\/11\/Capture-decran-le-2023-11-22-a-09.02.44.png?resize=768%2C577&amp;ssl=1 768w, https:\/\/i0.wp.com\/itayachtscanada.com\/wp-content\/uploads\/2023\/11\/Capture-decran-le-2023-11-22-a-09.02.44.png?resize=1200%2C902&amp;ssl=1 1200w, https:\/\/i0.wp.com\/itayachtscanada.com\/wp-content\/uploads\/2023\/11\/Capture-decran-le-2023-11-22-a-09.02.44.png?resize=800%2C600&amp;ssl=1 800w, https:\/\/i0.wp.com\/itayachtscanada.com\/wp-content\/uploads\/2023\/11\/Capture-decran-le-2023-11-22-a-09.02.44.png?resize=600%2C450&amp;ssl=1 600w, https:\/\/i0.wp.com\/itayachtscanada.com\/wp-content\/uploads\/2023\/11\/Capture-decran-le-2023-11-22-a-09.02.44.png?resize=400%2C300&amp;ssl=1 400w, https:\/\/i0.wp.com\/itayachtscanada.com\/wp-content\/uploads\/2023\/11\/Capture-decran-le-2023-11-22-a-09.02.44.png?resize=200%2C150&amp;ssl=1 200w, https:\/\/i0.wp.com\/itayachtscanada.com\/wp-content\/uploads\/2023\/11\/Capture-decran-le-2023-11-22-a-09.02.44.png?resize=700%2C526&amp;ssl=1 700w, https:\/\/i0.wp.com\/itayachtscanada.com\/wp-content\/uploads\/2023\/11\/Capture-decran-le-2023-11-22-a-09.02.44.png?resize=532%2C400&amp;ssl=1 532w\" width=\"462\" height=\"347\" loading=\"lazy\" data-original-width=\"462\" data-original-height=\"347\" itemprop=\"http:\/\/schema.org\/image\" title=\"Capture d\u2019\u00e9cran, le 2023-11-22 \u00e0 09.02.44\" alt=\"Capture d\u2019\u00e9cran, le 2023-11-22 \u00e0 09.02.44\" style=\"width: 462px; height: 347px;\" \/> <\/a> <\/div> <\/div> <!-- close group --> <\/div> <!-- close row --> <div class=\"gallery-row\" style=\"width: 700px; height: 263px;\" data-original-width=\"700\" data-original-height=\"263\" > <div class=\"gallery-group images-1\" style=\"width: 349px; height: 263px;\" data-original-width=\"349\" data-original-height=\"263\" > <div class=\"tiled-gallery-item tiled-gallery-item-large\" itemprop=\"associatedMedia\" itemscope itemtype=\"http:\/\/schema.org\/ImageObject\"> <a href=\"https:\/\/itayachtscanada.com\/fr\/listing\/aicon-66-vivere-2024-3695000-usd-for-sale\/capture-decran-le-2023-11-22-a-09-00-58\/\" border=\"0\" itemprop=\"url\"> <meta itemprop=\"width\" content=\"345\"> <meta itemprop=\"height\" content=\"259\"> <img decoding=\"async\" class=\"\" data-attachment-id=\"142450\" data-orig-file=\"https:\/\/itayachtscanada.com\/wp-content\/uploads\/2023\/11\/Capture-decran-le-2023-11-22-a-09.00.58.png\" data-orig-size=\"1436,1076\" data-comments-opened=\"1\" data-image-meta=\"{&quot;aperture&quot;:&quot;0&quot;,&quot;credit&quot;:&quot;&quot;,&quot;camera&quot;:&quot;&quot;,&quot;caption&quot;:&quot;&quot;,&quot;created_timestamp&quot;:&quot;0&quot;,&quot;copyright&quot;:&quot;&quot;,&quot;focal_length&quot;:&quot;0&quot;,&quot;iso&quot;:&quot;0&quot;,&quot;shutter_speed&quot;:&quot;0&quot;,&quot;title&quot;:&quot;&quot;,&quot;orientation&quot;:&quot;0&quot;}\" data-image-title=\"Capture d\u2019\u00e9cran, le 2023-11-22 \u00e0 09.00.58\" data-image-description=\"\" data-medium-file=\"https:\/\/i0.wp.com\/itayachtscanada.com\/wp-content\/uploads\/2023\/11\/Capture-decran-le-2023-11-22-a-09.00.58.png?fit=300%2C225&#038;ssl=1\" data-large-file=\"https:\/\/i0.wp.com\/itayachtscanada.com\/wp-content\/uploads\/2023\/11\/Capture-decran-le-2023-11-22-a-09.00.58.png?fit=700%2C524&#038;ssl=1\" src=\"https:\/\/i0.wp.com\/itayachtscanada.com\/wp-content\/uploads\/2023\/11\/Capture-decran-le-2023-11-22-a-09.00.58.png?w=345&#038;h=259&#038;ssl=1\" srcset=\"https:\/\/i0.wp.com\/itayachtscanada.com\/wp-content\/uploads\/2023\/11\/Capture-decran-le-2023-11-22-a-09.00.58.png?w=1436&amp;ssl=1 1436w, https:\/\/i0.wp.com\/itayachtscanada.com\/wp-content\/uploads\/2023\/11\/Capture-decran-le-2023-11-22-a-09.00.58.png?resize=300%2C225&amp;ssl=1 300w, https:\/\/i0.wp.com\/itayachtscanada.com\/wp-content\/uploads\/2023\/11\/Capture-decran-le-2023-11-22-a-09.00.58.png?resize=1024%2C767&amp;ssl=1 1024w, https:\/\/i0.wp.com\/itayachtscanada.com\/wp-content\/uploads\/2023\/11\/Capture-decran-le-2023-11-22-a-09.00.58.png?resize=768%2C575&amp;ssl=1 768w, https:\/\/i0.wp.com\/itayachtscanada.com\/wp-content\/uploads\/2023\/11\/Capture-decran-le-2023-11-22-a-09.00.58.png?resize=1200%2C899&amp;ssl=1 1200w, https:\/\/i0.wp.com\/itayachtscanada.com\/wp-content\/uploads\/2023\/11\/Capture-decran-le-2023-11-22-a-09.00.58.png?resize=800%2C600&amp;ssl=1 800w, https:\/\/i0.wp.com\/itayachtscanada.com\/wp-content\/uploads\/2023\/11\/Capture-decran-le-2023-11-22-a-09.00.58.png?resize=600%2C450&amp;ssl=1 600w, https:\/\/i0.wp.com\/itayachtscanada.com\/wp-content\/uploads\/2023\/11\/Capture-decran-le-2023-11-22-a-09.00.58.png?resize=400%2C300&amp;ssl=1 400w, https:\/\/i0.wp.com\/itayachtscanada.com\/wp-content\/uploads\/2023\/11\/Capture-decran-le-2023-11-22-a-09.00.58.png?resize=200%2C150&amp;ssl=1 200w, https:\/\/i0.wp.com\/itayachtscanada.com\/wp-content\/uploads\/2023\/11\/Capture-decran-le-2023-11-22-a-09.00.58.png?resize=700%2C525&amp;ssl=1 700w, https:\/\/i0.wp.com\/itayachtscanada.com\/wp-content\/uploads\/2023\/11\/Capture-decran-le-2023-11-22-a-09.00.58.png?resize=534%2C400&amp;ssl=1 534w\" width=\"345\" height=\"259\" loading=\"lazy\" data-original-width=\"345\" data-original-height=\"259\" itemprop=\"http:\/\/schema.org\/image\" title=\"Capture d\u2019\u00e9cran, le 2023-11-22 \u00e0 09.00.58\" alt=\"Capture d\u2019\u00e9cran, le 2023-11-22 \u00e0 09.00.58\" style=\"width: 345px; height: 259px;\" \/> <\/a> <\/div> <\/div> <!-- close group --> <div class=\"gallery-group images-1\" style=\"width: 351px; height: 263px;\" data-original-width=\"351\" data-original-height=\"263\" > <div class=\"tiled-gallery-item tiled-gallery-item-large\" itemprop=\"associatedMedia\" itemscope itemtype=\"http:\/\/schema.org\/ImageObject\"> <a href=\"https:\/\/itayachtscanada.com\/fr\/listing\/aicon-66-vivere-2024-3695000-usd-for-sale\/capture-decran-le-2023-11-22-a-09-03-47\/\" border=\"0\" itemprop=\"url\"> <meta itemprop=\"width\" content=\"347\"> <meta itemprop=\"height\" content=\"259\"> <img decoding=\"async\" class=\"\" data-attachment-id=\"142424\" data-orig-file=\"https:\/\/itayachtscanada.com\/wp-content\/uploads\/2023\/11\/Capture-decran-le-2023-11-22-a-09.03.47.png\" data-orig-size=\"1444,1076\" data-comments-opened=\"1\" data-image-meta=\"{&quot;aperture&quot;:&quot;0&quot;,&quot;credit&quot;:&quot;&quot;,&quot;camera&quot;:&quot;&quot;,&quot;caption&quot;:&quot;&quot;,&quot;created_timestamp&quot;:&quot;0&quot;,&quot;copyright&quot;:&quot;&quot;,&quot;focal_length&quot;:&quot;0&quot;,&quot;iso&quot;:&quot;0&quot;,&quot;shutter_speed&quot;:&quot;0&quot;,&quot;title&quot;:&quot;&quot;,&quot;orientation&quot;:&quot;0&quot;}\" data-image-title=\"Capture d\u2019\u00e9cran, le 2023-11-22 \u00e0 09.03.47\" data-image-description=\"\" data-medium-file=\"https:\/\/i0.wp.com\/itayachtscanada.com\/wp-content\/uploads\/2023\/11\/Capture-decran-le-2023-11-22-a-09.03.47.png?fit=300%2C224&#038;ssl=1\" data-large-file=\"https:\/\/i0.wp.com\/itayachtscanada.com\/wp-content\/uploads\/2023\/11\/Capture-decran-le-2023-11-22-a-09.03.47.png?fit=700%2C522&#038;ssl=1\" src=\"https:\/\/i0.wp.com\/itayachtscanada.com\/wp-content\/uploads\/2023\/11\/Capture-decran-le-2023-11-22-a-09.03.47.png?w=347&#038;h=259&#038;ssl=1\" srcset=\"https:\/\/i0.wp.com\/itayachtscanada.com\/wp-content\/uploads\/2023\/11\/Capture-decran-le-2023-11-22-a-09.03.47.png?w=1444&amp;ssl=1 1444w, https:\/\/i0.wp.com\/itayachtscanada.com\/wp-content\/uploads\/2023\/11\/Capture-decran-le-2023-11-22-a-09.03.47.png?resize=300%2C224&amp;ssl=1 300w, https:\/\/i0.wp.com\/itayachtscanada.com\/wp-content\/uploads\/2023\/11\/Capture-decran-le-2023-11-22-a-09.03.47.png?resize=1024%2C763&amp;ssl=1 1024w, https:\/\/i0.wp.com\/itayachtscanada.com\/wp-content\/uploads\/2023\/11\/Capture-decran-le-2023-11-22-a-09.03.47.png?resize=768%2C572&amp;ssl=1 768w, https:\/\/i0.wp.com\/itayachtscanada.com\/wp-content\/uploads\/2023\/11\/Capture-decran-le-2023-11-22-a-09.03.47.png?resize=1200%2C894&amp;ssl=1 1200w, https:\/\/i0.wp.com\/itayachtscanada.com\/wp-content\/uploads\/2023\/11\/Capture-decran-le-2023-11-22-a-09.03.47.png?resize=800%2C600&amp;ssl=1 800w, https:\/\/i0.wp.com\/itayachtscanada.com\/wp-content\/uploads\/2023\/11\/Capture-decran-le-2023-11-22-a-09.03.47.png?resize=600%2C450&amp;ssl=1 600w, https:\/\/i0.wp.com\/itayachtscanada.com\/wp-content\/uploads\/2023\/11\/Capture-decran-le-2023-11-22-a-09.03.47.png?resize=400%2C300&amp;ssl=1 400w, https:\/\/i0.wp.com\/itayachtscanada.com\/wp-content\/uploads\/2023\/11\/Capture-decran-le-2023-11-22-a-09.03.47.png?resize=200%2C150&amp;ssl=1 200w, https:\/\/i0.wp.com\/itayachtscanada.com\/wp-content\/uploads\/2023\/11\/Capture-decran-le-2023-11-22-a-09.03.47.png?resize=700%2C522&amp;ssl=1 700w, https:\/\/i0.wp.com\/itayachtscanada.com\/wp-content\/uploads\/2023\/11\/Capture-decran-le-2023-11-22-a-09.03.47.png?resize=537%2C400&amp;ssl=1 537w\" width=\"347\" height=\"259\" loading=\"lazy\" data-original-width=\"347\" data-original-height=\"259\" itemprop=\"http:\/\/schema.org\/image\" title=\"Capture d\u2019\u00e9cran, le 2023-11-22 \u00e0 09.03.47\" alt=\"Capture d\u2019\u00e9cran, le 2023-11-22 \u00e0 09.03.47\" style=\"width: 347px; height: 259px;\" \/> <\/a> <\/div> <\/div> <!-- close group --> <\/div> <!-- close row --> <div class=\"gallery-row\" style=\"width: 700px; height: 231px;\" data-original-width=\"700\" data-original-height=\"231\" > <div class=\"gallery-group images-1\" style=\"width: 175px; height: 231px;\" data-original-width=\"175\" data-original-height=\"231\" > <div class=\"tiled-gallery-item tiled-gallery-item-small\" itemprop=\"associatedMedia\" itemscope itemtype=\"http:\/\/schema.org\/ImageObject\"> <a href=\"https:\/\/itayachtscanada.com\/fr\/listing\/aicon-66-vivere-2024-3695000-usd-for-sale\/capture-decran-le-2023-11-22-a-09-02-52\/\" border=\"0\" itemprop=\"url\"> <meta itemprop=\"width\" content=\"171\"> <meta itemprop=\"height\" content=\"227\"> <img decoding=\"async\" class=\"\" data-attachment-id=\"142430\" data-orig-file=\"https:\/\/itayachtscanada.com\/wp-content\/uploads\/2023\/11\/Capture-decran-le-2023-11-22-a-09.02.52.png\" data-orig-size=\"808,1076\" data-comments-opened=\"1\" data-image-meta=\"{&quot;aperture&quot;:&quot;0&quot;,&quot;credit&quot;:&quot;&quot;,&quot;camera&quot;:&quot;&quot;,&quot;caption&quot;:&quot;&quot;,&quot;created_timestamp&quot;:&quot;0&quot;,&quot;copyright&quot;:&quot;&quot;,&quot;focal_length&quot;:&quot;0&quot;,&quot;iso&quot;:&quot;0&quot;,&quot;shutter_speed&quot;:&quot;0&quot;,&quot;title&quot;:&quot;&quot;,&quot;orientation&quot;:&quot;0&quot;}\" data-image-title=\"Capture d\u2019\u00e9cran, le 2023-11-22 \u00e0 09.02.52\" data-image-description=\"\" data-medium-file=\"https:\/\/i0.wp.com\/itayachtscanada.com\/wp-content\/uploads\/2023\/11\/Capture-decran-le-2023-11-22-a-09.02.52.png?fit=225%2C300&#038;ssl=1\" data-large-file=\"https:\/\/i0.wp.com\/itayachtscanada.com\/wp-content\/uploads\/2023\/11\/Capture-decran-le-2023-11-22-a-09.02.52.png?fit=700%2C932&#038;ssl=1\" src=\"https:\/\/i0.wp.com\/itayachtscanada.com\/wp-content\/uploads\/2023\/11\/Capture-decran-le-2023-11-22-a-09.02.52.png?w=171&#038;h=227&#038;ssl=1\" srcset=\"https:\/\/i0.wp.com\/itayachtscanada.com\/wp-content\/uploads\/2023\/11\/Capture-decran-le-2023-11-22-a-09.02.52.png?w=808&amp;ssl=1 808w, https:\/\/i0.wp.com\/itayachtscanada.com\/wp-content\/uploads\/2023\/11\/Capture-decran-le-2023-11-22-a-09.02.52.png?resize=225%2C300&amp;ssl=1 225w, https:\/\/i0.wp.com\/itayachtscanada.com\/wp-content\/uploads\/2023\/11\/Capture-decran-le-2023-11-22-a-09.02.52.png?resize=769%2C1024&amp;ssl=1 769w, https:\/\/i0.wp.com\/itayachtscanada.com\/wp-content\/uploads\/2023\/11\/Capture-decran-le-2023-11-22-a-09.02.52.png?resize=768%2C1023&amp;ssl=1 768w, https:\/\/i0.wp.com\/itayachtscanada.com\/wp-content\/uploads\/2023\/11\/Capture-decran-le-2023-11-22-a-09.02.52.png?resize=600%2C800&amp;ssl=1 600w, https:\/\/i0.wp.com\/itayachtscanada.com\/wp-content\/uploads\/2023\/11\/Capture-decran-le-2023-11-22-a-09.02.52.png?resize=450%2C600&amp;ssl=1 450w, https:\/\/i0.wp.com\/itayachtscanada.com\/wp-content\/uploads\/2023\/11\/Capture-decran-le-2023-11-22-a-09.02.52.png?resize=300%2C400&amp;ssl=1 300w, https:\/\/i0.wp.com\/itayachtscanada.com\/wp-content\/uploads\/2023\/11\/Capture-decran-le-2023-11-22-a-09.02.52.png?resize=150%2C200&amp;ssl=1 150w, https:\/\/i0.wp.com\/itayachtscanada.com\/wp-content\/uploads\/2023\/11\/Capture-decran-le-2023-11-22-a-09.02.52.png?resize=700%2C932&amp;ssl=1 700w\" width=\"171\" height=\"227\" loading=\"lazy\" data-original-width=\"171\" data-original-height=\"227\" itemprop=\"http:\/\/schema.org\/image\" title=\"Capture d\u2019\u00e9cran, le 2023-11-22 \u00e0 09.02.52\" alt=\"Capture d\u2019\u00e9cran, le 2023-11-22 \u00e0 09.02.52\" style=\"width: 171px; height: 227px;\" \/> <\/a> <\/div> <\/div> <!-- close group --> <div class=\"gallery-group images-1\" style=\"width: 176px; height: 231px;\" data-original-width=\"176\" data-original-height=\"231\" > <div class=\"tiled-gallery-item tiled-gallery-item-small\" itemprop=\"associatedMedia\" itemscope itemtype=\"http:\/\/schema.org\/ImageObject\"> <a href=\"https:\/\/itayachtscanada.com\/fr\/listing\/aicon-66-vivere-2024-3695000-usd-for-sale\/capture-decran-le-2023-11-22-a-09-03-38\/\" border=\"0\" itemprop=\"url\"> <meta itemprop=\"width\" content=\"172\"> <meta itemprop=\"height\" content=\"227\"> <img decoding=\"async\" class=\"\" data-attachment-id=\"142425\" data-orig-file=\"https:\/\/itayachtscanada.com\/wp-content\/uploads\/2023\/11\/Capture-decran-le-2023-11-22-a-09.03.38.png\" data-orig-size=\"816,1076\" data-comments-opened=\"1\" data-image-meta=\"{&quot;aperture&quot;:&quot;0&quot;,&quot;credit&quot;:&quot;&quot;,&quot;camera&quot;:&quot;&quot;,&quot;caption&quot;:&quot;&quot;,&quot;created_timestamp&quot;:&quot;0&quot;,&quot;copyright&quot;:&quot;&quot;,&quot;focal_length&quot;:&quot;0&quot;,&quot;iso&quot;:&quot;0&quot;,&quot;shutter_speed&quot;:&quot;0&quot;,&quot;title&quot;:&quot;&quot;,&quot;orientation&quot;:&quot;0&quot;}\" data-image-title=\"Capture d\u2019\u00e9cran, le 2023-11-22 \u00e0 09.03.38\" data-image-description=\"\" data-medium-file=\"https:\/\/i0.wp.com\/itayachtscanada.com\/wp-content\/uploads\/2023\/11\/Capture-decran-le-2023-11-22-a-09.03.38.png?fit=228%2C300&#038;ssl=1\" data-large-file=\"https:\/\/i0.wp.com\/itayachtscanada.com\/wp-content\/uploads\/2023\/11\/Capture-decran-le-2023-11-22-a-09.03.38.png?fit=700%2C923&#038;ssl=1\" src=\"https:\/\/i0.wp.com\/itayachtscanada.com\/wp-content\/uploads\/2023\/11\/Capture-decran-le-2023-11-22-a-09.03.38.png?w=172&#038;h=227&#038;ssl=1\" srcset=\"https:\/\/i0.wp.com\/itayachtscanada.com\/wp-content\/uploads\/2023\/11\/Capture-decran-le-2023-11-22-a-09.03.38.png?w=816&amp;ssl=1 816w, https:\/\/i0.wp.com\/itayachtscanada.com\/wp-content\/uploads\/2023\/11\/Capture-decran-le-2023-11-22-a-09.03.38.png?resize=228%2C300&amp;ssl=1 228w, https:\/\/i0.wp.com\/itayachtscanada.com\/wp-content\/uploads\/2023\/11\/Capture-decran-le-2023-11-22-a-09.03.38.png?resize=777%2C1024&amp;ssl=1 777w, https:\/\/i0.wp.com\/itayachtscanada.com\/wp-content\/uploads\/2023\/11\/Capture-decran-le-2023-11-22-a-09.03.38.png?resize=768%2C1013&amp;ssl=1 768w, https:\/\/i0.wp.com\/itayachtscanada.com\/wp-content\/uploads\/2023\/11\/Capture-decran-le-2023-11-22-a-09.03.38.png?resize=700%2C923&amp;ssl=1 700w, https:\/\/i0.wp.com\/itayachtscanada.com\/wp-content\/uploads\/2023\/11\/Capture-decran-le-2023-11-22-a-09.03.38.png?resize=303%2C400&amp;ssl=1 303w\" width=\"172\" height=\"227\" loading=\"lazy\" data-original-width=\"172\" data-original-height=\"227\" itemprop=\"http:\/\/schema.org\/image\" title=\"Capture d\u2019\u00e9cran, le 2023-11-22 \u00e0 09.03.38\" alt=\"Capture d\u2019\u00e9cran, le 2023-11-22 \u00e0 09.03.38\" style=\"width: 172px; height: 227px;\" \/> <\/a> <\/div> <\/div> <!-- close group --> <div class=\"gallery-group images-1\" style=\"width: 174px; height: 231px;\" data-original-width=\"174\" data-original-height=\"231\" > <div class=\"tiled-gallery-item tiled-gallery-item-small\" itemprop=\"associatedMedia\" itemscope itemtype=\"http:\/\/schema.org\/ImageObject\"> <a href=\"https:\/\/itayachtscanada.com\/fr\/listing\/aicon-66-vivere-2024-3695000-usd-for-sale\/capture-decran-le-2023-11-22-a-09-03-20\/\" border=\"0\" itemprop=\"url\"> <meta itemprop=\"width\" content=\"170\"> <meta itemprop=\"height\" content=\"227\"> <img decoding=\"async\" class=\"\" data-attachment-id=\"142427\" data-orig-file=\"https:\/\/itayachtscanada.com\/wp-content\/uploads\/2023\/11\/Capture-decran-le-2023-11-22-a-09.03.20.png\" data-orig-size=\"804,1076\" data-comments-opened=\"1\" data-image-meta=\"{&quot;aperture&quot;:&quot;0&quot;,&quot;credit&quot;:&quot;&quot;,&quot;camera&quot;:&quot;&quot;,&quot;caption&quot;:&quot;&quot;,&quot;created_timestamp&quot;:&quot;0&quot;,&quot;copyright&quot;:&quot;&quot;,&quot;focal_length&quot;:&quot;0&quot;,&quot;iso&quot;:&quot;0&quot;,&quot;shutter_speed&quot;:&quot;0&quot;,&quot;title&quot;:&quot;&quot;,&quot;orientation&quot;:&quot;0&quot;}\" data-image-title=\"Capture d\u2019\u00e9cran, le 2023-11-22 \u00e0 09.03.20\" data-image-description=\"\" data-medium-file=\"https:\/\/i0.wp.com\/itayachtscanada.com\/wp-content\/uploads\/2023\/11\/Capture-decran-le-2023-11-22-a-09.03.20.png?fit=224%2C300&#038;ssl=1\" data-large-file=\"https:\/\/i0.wp.com\/itayachtscanada.com\/wp-content\/uploads\/2023\/11\/Capture-decran-le-2023-11-22-a-09.03.20.png?fit=700%2C937&#038;ssl=1\" src=\"https:\/\/i0.wp.com\/itayachtscanada.com\/wp-content\/uploads\/2023\/11\/Capture-decran-le-2023-11-22-a-09.03.20.png?w=170&#038;h=227&#038;ssl=1\" srcset=\"https:\/\/i0.wp.com\/itayachtscanada.com\/wp-content\/uploads\/2023\/11\/Capture-decran-le-2023-11-22-a-09.03.20.png?w=804&amp;ssl=1 804w, https:\/\/i0.wp.com\/itayachtscanada.com\/wp-content\/uploads\/2023\/11\/Capture-decran-le-2023-11-22-a-09.03.20.png?resize=224%2C300&amp;ssl=1 224w, https:\/\/i0.wp.com\/itayachtscanada.com\/wp-content\/uploads\/2023\/11\/Capture-decran-le-2023-11-22-a-09.03.20.png?resize=765%2C1024&amp;ssl=1 765w, https:\/\/i0.wp.com\/itayachtscanada.com\/wp-content\/uploads\/2023\/11\/Capture-decran-le-2023-11-22-a-09.03.20.png?resize=768%2C1028&amp;ssl=1 768w, https:\/\/i0.wp.com\/itayachtscanada.com\/wp-content\/uploads\/2023\/11\/Capture-decran-le-2023-11-22-a-09.03.20.png?resize=600%2C800&amp;ssl=1 600w, https:\/\/i0.wp.com\/itayachtscanada.com\/wp-content\/uploads\/2023\/11\/Capture-decran-le-2023-11-22-a-09.03.20.png?resize=450%2C600&amp;ssl=1 450w, https:\/\/i0.wp.com\/itayachtscanada.com\/wp-content\/uploads\/2023\/11\/Capture-decran-le-2023-11-22-a-09.03.20.png?resize=300%2C400&amp;ssl=1 300w, https:\/\/i0.wp.com\/itayachtscanada.com\/wp-content\/uploads\/2023\/11\/Capture-decran-le-2023-11-22-a-09.03.20.png?resize=150%2C200&amp;ssl=1 150w, https:\/\/i0.wp.com\/itayachtscanada.com\/wp-content\/uploads\/2023\/11\/Capture-decran-le-2023-11-22-a-09.03.20.png?resize=700%2C937&amp;ssl=1 700w, https:\/\/i0.wp.com\/itayachtscanada.com\/wp-content\/uploads\/2023\/11\/Capture-decran-le-2023-11-22-a-09.03.20.png?resize=299%2C400&amp;ssl=1 299w\" width=\"170\" height=\"227\" loading=\"lazy\" data-original-width=\"170\" data-original-height=\"227\" itemprop=\"http:\/\/schema.org\/image\" title=\"Capture d\u2019\u00e9cran, le 2023-11-22 \u00e0 09.03.20\" alt=\"Capture d\u2019\u00e9cran, le 2023-11-22 \u00e0 09.03.20\" style=\"width: 170px; height: 227px;\" \/> <\/a> <\/div> <\/div> <!-- close group --> <div class=\"gallery-group images-1\" style=\"width: 175px; height: 231px;\" data-original-width=\"175\" data-original-height=\"231\" > <div class=\"tiled-gallery-item tiled-gallery-item-small\" itemprop=\"associatedMedia\" itemscope itemtype=\"http:\/\/schema.org\/ImageObject\"> <a href=\"https:\/\/itayachtscanada.com\/fr\/listing\/aicon-66-vivere-2024-3695000-usd-for-sale\/capture-decran-le-2023-11-22-a-09-01-57\/\" border=\"0\" itemprop=\"url\"> <meta itemprop=\"width\" content=\"171\"> <meta itemprop=\"height\" content=\"227\"> <img decoding=\"async\" class=\"\" data-attachment-id=\"142439\" data-orig-file=\"https:\/\/itayachtscanada.com\/wp-content\/uploads\/2023\/11\/Capture-decran-le-2023-11-22-a-09.01.57.png\" data-orig-size=\"810,1076\" data-comments-opened=\"1\" data-image-meta=\"{&quot;aperture&quot;:&quot;0&quot;,&quot;credit&quot;:&quot;&quot;,&quot;camera&quot;:&quot;&quot;,&quot;caption&quot;:&quot;&quot;,&quot;created_timestamp&quot;:&quot;0&quot;,&quot;copyright&quot;:&quot;&quot;,&quot;focal_length&quot;:&quot;0&quot;,&quot;iso&quot;:&quot;0&quot;,&quot;shutter_speed&quot;:&quot;0&quot;,&quot;title&quot;:&quot;&quot;,&quot;orientation&quot;:&quot;0&quot;}\" data-image-title=\"Capture d\u2019\u00e9cran, le 2023-11-22 \u00e0 09.01.57\" data-image-description=\"\" data-medium-file=\"https:\/\/i0.wp.com\/itayachtscanada.com\/wp-content\/uploads\/2023\/11\/Capture-decran-le-2023-11-22-a-09.01.57.png?fit=226%2C300&#038;ssl=1\" data-large-file=\"https:\/\/i0.wp.com\/itayachtscanada.com\/wp-content\/uploads\/2023\/11\/Capture-decran-le-2023-11-22-a-09.01.57.png?fit=700%2C930&#038;ssl=1\" src=\"https:\/\/i0.wp.com\/itayachtscanada.com\/wp-content\/uploads\/2023\/11\/Capture-decran-le-2023-11-22-a-09.01.57.png?w=171&#038;h=227&#038;ssl=1\" srcset=\"https:\/\/i0.wp.com\/itayachtscanada.com\/wp-content\/uploads\/2023\/11\/Capture-decran-le-2023-11-22-a-09.01.57.png?w=810&amp;ssl=1 810w, https:\/\/i0.wp.com\/itayachtscanada.com\/wp-content\/uploads\/2023\/11\/Capture-decran-le-2023-11-22-a-09.01.57.png?resize=226%2C300&amp;ssl=1 226w, https:\/\/i0.wp.com\/itayachtscanada.com\/wp-content\/uploads\/2023\/11\/Capture-decran-le-2023-11-22-a-09.01.57.png?resize=771%2C1024&amp;ssl=1 771w, https:\/\/i0.wp.com\/itayachtscanada.com\/wp-content\/uploads\/2023\/11\/Capture-decran-le-2023-11-22-a-09.01.57.png?resize=768%2C1020&amp;ssl=1 768w, https:\/\/i0.wp.com\/itayachtscanada.com\/wp-content\/uploads\/2023\/11\/Capture-decran-le-2023-11-22-a-09.01.57.png?resize=600%2C800&amp;ssl=1 600w, https:\/\/i0.wp.com\/itayachtscanada.com\/wp-content\/uploads\/2023\/11\/Capture-decran-le-2023-11-22-a-09.01.57.png?resize=450%2C600&amp;ssl=1 450w, https:\/\/i0.wp.com\/itayachtscanada.com\/wp-content\/uploads\/2023\/11\/Capture-decran-le-2023-11-22-a-09.01.57.png?resize=300%2C400&amp;ssl=1 300w, https:\/\/i0.wp.com\/itayachtscanada.com\/wp-content\/uploads\/2023\/11\/Capture-decran-le-2023-11-22-a-09.01.57.png?resize=150%2C200&amp;ssl=1 150w, https:\/\/i0.wp.com\/itayachtscanada.com\/wp-content\/uploads\/2023\/11\/Capture-decran-le-2023-11-22-a-09.01.57.png?resize=700%2C930&amp;ssl=1 700w, https:\/\/i0.wp.com\/itayachtscanada.com\/wp-content\/uploads\/2023\/11\/Capture-decran-le-2023-11-22-a-09.01.57.png?resize=301%2C400&amp;ssl=1 301w\" width=\"171\" height=\"227\" loading=\"lazy\" data-original-width=\"171\" data-original-height=\"227\" itemprop=\"http:\/\/schema.org\/image\" title=\"Capture d\u2019\u00e9cran, le 2023-11-22 \u00e0 09.01.57\" alt=\"Capture d\u2019\u00e9cran, le 2023-11-22 \u00e0 09.01.57\" style=\"width: 171px; height: 227px;\" \/> <\/a> <\/div> <\/div> <!-- close group --> <\/div> <!-- close row --> <div class=\"gallery-row\" style=\"width: 700px; height: 245px;\" data-original-width=\"700\" data-original-height=\"245\" > <div class=\"gallery-group images-1\" style=\"width: 186px; height: 245px;\" data-original-width=\"186\" data-original-height=\"245\" > <div class=\"tiled-gallery-item tiled-gallery-item-small\" itemprop=\"associatedMedia\" itemscope itemtype=\"http:\/\/schema.org\/ImageObject\"> <a href=\"https:\/\/itayachtscanada.com\/fr\/listing\/aicon-66-vivere-2024-3695000-usd-for-sale\/capture-decran-le-2023-11-22-a-09-01-53\/\" border=\"0\" itemprop=\"url\"> <meta itemprop=\"width\" content=\"182\"> <meta itemprop=\"height\" content=\"241\"> <img decoding=\"async\" class=\"\" data-attachment-id=\"142440\" data-orig-file=\"https:\/\/itayachtscanada.com\/wp-content\/uploads\/2023\/11\/Capture-decran-le-2023-11-22-a-09.01.53.png\" data-orig-size=\"810,1076\" data-comments-opened=\"1\" data-image-meta=\"{&quot;aperture&quot;:&quot;0&quot;,&quot;credit&quot;:&quot;&quot;,&quot;camera&quot;:&quot;&quot;,&quot;caption&quot;:&quot;&quot;,&quot;created_timestamp&quot;:&quot;0&quot;,&quot;copyright&quot;:&quot;&quot;,&quot;focal_length&quot;:&quot;0&quot;,&quot;iso&quot;:&quot;0&quot;,&quot;shutter_speed&quot;:&quot;0&quot;,&quot;title&quot;:&quot;&quot;,&quot;orientation&quot;:&quot;0&quot;}\" data-image-title=\"Capture d\u2019\u00e9cran, le 2023-11-22 \u00e0 09.01.53\" data-image-description=\"\" data-medium-file=\"https:\/\/i0.wp.com\/itayachtscanada.com\/wp-content\/uploads\/2023\/11\/Capture-decran-le-2023-11-22-a-09.01.53.png?fit=226%2C300&#038;ssl=1\" data-large-file=\"https:\/\/i0.wp.com\/itayachtscanada.com\/wp-content\/uploads\/2023\/11\/Capture-decran-le-2023-11-22-a-09.01.53.png?fit=700%2C930&#038;ssl=1\" src=\"https:\/\/i0.wp.com\/itayachtscanada.com\/wp-content\/uploads\/2023\/11\/Capture-decran-le-2023-11-22-a-09.01.53.png?w=182&#038;h=241&#038;ssl=1\" srcset=\"https:\/\/i0.wp.com\/itayachtscanada.com\/wp-content\/uploads\/2023\/11\/Capture-decran-le-2023-11-22-a-09.01.53.png?w=810&amp;ssl=1 810w, https:\/\/i0.wp.com\/itayachtscanada.com\/wp-content\/uploads\/2023\/11\/Capture-decran-le-2023-11-22-a-09.01.53.png?resize=226%2C300&amp;ssl=1 226w, https:\/\/i0.wp.com\/itayachtscanada.com\/wp-content\/uploads\/2023\/11\/Capture-decran-le-2023-11-22-a-09.01.53.png?resize=771%2C1024&amp;ssl=1 771w, https:\/\/i0.wp.com\/itayachtscanada.com\/wp-content\/uploads\/2023\/11\/Capture-decran-le-2023-11-22-a-09.01.53.png?resize=768%2C1020&amp;ssl=1 768w, https:\/\/i0.wp.com\/itayachtscanada.com\/wp-content\/uploads\/2023\/11\/Capture-decran-le-2023-11-22-a-09.01.53.png?resize=150%2C200&amp;ssl=1 150w, https:\/\/i0.wp.com\/itayachtscanada.com\/wp-content\/uploads\/2023\/11\/Capture-decran-le-2023-11-22-a-09.01.53.png?resize=700%2C930&amp;ssl=1 700w, https:\/\/i0.wp.com\/itayachtscanada.com\/wp-content\/uploads\/2023\/11\/Capture-decran-le-2023-11-22-a-09.01.53.png?resize=301%2C400&amp;ssl=1 301w\" width=\"182\" height=\"241\" loading=\"lazy\" data-original-width=\"182\" data-original-height=\"241\" itemprop=\"http:\/\/schema.org\/image\" title=\"Capture d\u2019\u00e9cran, le 2023-11-22 \u00e0 09.01.53\" alt=\"Capture d\u2019\u00e9cran, le 2023-11-22 \u00e0 09.01.53\" style=\"width: 182px; height: 241px;\" \/> <\/a> <\/div> <\/div> <!-- close group --> <div class=\"gallery-group images-1\" style=\"width: 328px; height: 245px;\" data-original-width=\"328\" data-original-height=\"245\" > <div class=\"tiled-gallery-item tiled-gallery-item-large\" itemprop=\"associatedMedia\" itemscope itemtype=\"http:\/\/schema.org\/ImageObject\"> <a href=\"https:\/\/itayachtscanada.com\/fr\/listing\/aicon-66-vivere-2024-3695000-usd-for-sale\/capture-decran-le-2023-11-22-a-09-01-43\/\" border=\"0\" itemprop=\"url\"> <meta itemprop=\"width\" content=\"324\"> <meta itemprop=\"height\" content=\"241\"> <img decoding=\"async\" class=\"\" data-attachment-id=\"142441\" data-orig-file=\"https:\/\/itayachtscanada.com\/wp-content\/uploads\/2023\/11\/Capture-decran-le-2023-11-22-a-09.01.43.png\" data-orig-size=\"1446,1076\" data-comments-opened=\"1\" data-image-meta=\"{&quot;aperture&quot;:&quot;0&quot;,&quot;credit&quot;:&quot;&quot;,&quot;camera&quot;:&quot;&quot;,&quot;caption&quot;:&quot;&quot;,&quot;created_timestamp&quot;:&quot;0&quot;,&quot;copyright&quot;:&quot;&quot;,&quot;focal_length&quot;:&quot;0&quot;,&quot;iso&quot;:&quot;0&quot;,&quot;shutter_speed&quot;:&quot;0&quot;,&quot;title&quot;:&quot;&quot;,&quot;orientation&quot;:&quot;0&quot;}\" data-image-title=\"Capture d\u2019\u00e9cran, le 2023-11-22 \u00e0 09.01.43\" data-image-description=\"\" data-medium-file=\"https:\/\/i0.wp.com\/itayachtscanada.com\/wp-content\/uploads\/2023\/11\/Capture-decran-le-2023-11-22-a-09.01.43.png?fit=300%2C223&#038;ssl=1\" data-large-file=\"https:\/\/i0.wp.com\/itayachtscanada.com\/wp-content\/uploads\/2023\/11\/Capture-decran-le-2023-11-22-a-09.01.43.png?fit=700%2C521&#038;ssl=1\" src=\"https:\/\/i0.wp.com\/itayachtscanada.com\/wp-content\/uploads\/2023\/11\/Capture-decran-le-2023-11-22-a-09.01.43.png?w=324&#038;h=241&#038;ssl=1\" srcset=\"https:\/\/i0.wp.com\/itayachtscanada.com\/wp-content\/uploads\/2023\/11\/Capture-decran-le-2023-11-22-a-09.01.43.png?w=1446&amp;ssl=1 1446w, https:\/\/i0.wp.com\/itayachtscanada.com\/wp-content\/uploads\/2023\/11\/Capture-decran-le-2023-11-22-a-09.01.43.png?resize=300%2C223&amp;ssl=1 300w, https:\/\/i0.wp.com\/itayachtscanada.com\/wp-content\/uploads\/2023\/11\/Capture-decran-le-2023-11-22-a-09.01.43.png?resize=1024%2C762&amp;ssl=1 1024w, https:\/\/i0.wp.com\/itayachtscanada.com\/wp-content\/uploads\/2023\/11\/Capture-decran-le-2023-11-22-a-09.01.43.png?resize=768%2C571&amp;ssl=1 768w, https:\/\/i0.wp.com\/itayachtscanada.com\/wp-content\/uploads\/2023\/11\/Capture-decran-le-2023-11-22-a-09.01.43.png?resize=200%2C150&amp;ssl=1 200w, https:\/\/i0.wp.com\/itayachtscanada.com\/wp-content\/uploads\/2023\/11\/Capture-decran-le-2023-11-22-a-09.01.43.png?resize=1200%2C893&amp;ssl=1 1200w, https:\/\/i0.wp.com\/itayachtscanada.com\/wp-content\/uploads\/2023\/11\/Capture-decran-le-2023-11-22-a-09.01.43.png?resize=700%2C521&amp;ssl=1 700w, https:\/\/i0.wp.com\/itayachtscanada.com\/wp-content\/uploads\/2023\/11\/Capture-decran-le-2023-11-22-a-09.01.43.png?resize=538%2C400&amp;ssl=1 538w\" width=\"324\" height=\"241\" loading=\"lazy\" data-original-width=\"324\" data-original-height=\"241\" itemprop=\"http:\/\/schema.org\/image\" title=\"Capture d\u2019\u00e9cran, le 2023-11-22 \u00e0 09.01.43\" alt=\"Capture d\u2019\u00e9cran, le 2023-11-22 \u00e0 09.01.43\" style=\"width: 324px; height: 241px;\" \/> <\/a> <\/div> <\/div> <!-- close group --> <div class=\"gallery-group images-1\" style=\"width: 186px; height: 245px;\" data-original-width=\"186\" data-original-height=\"245\" > <div class=\"tiled-gallery-item tiled-gallery-item-small\" itemprop=\"associatedMedia\" itemscope itemtype=\"http:\/\/schema.org\/ImageObject\"> <a href=\"https:\/\/itayachtscanada.com\/fr\/listing\/aicon-66-vivere-2024-3695000-usd-for-sale\/capture-decran-le-2023-11-22-a-09-01-35\/\" border=\"0\" itemprop=\"url\"> <meta itemprop=\"width\" content=\"182\"> <meta itemprop=\"height\" content=\"241\"> <img decoding=\"async\" class=\"\" data-attachment-id=\"142442\" data-orig-file=\"https:\/\/itayachtscanada.com\/wp-content\/uploads\/2023\/11\/Capture-decran-le-2023-11-22-a-09.01.35.png\" data-orig-size=\"810,1076\" data-comments-opened=\"1\" data-image-meta=\"{&quot;aperture&quot;:&quot;0&quot;,&quot;credit&quot;:&quot;&quot;,&quot;camera&quot;:&quot;&quot;,&quot;caption&quot;:&quot;&quot;,&quot;created_timestamp&quot;:&quot;0&quot;,&quot;copyright&quot;:&quot;&quot;,&quot;focal_length&quot;:&quot;0&quot;,&quot;iso&quot;:&quot;0&quot;,&quot;shutter_speed&quot;:&quot;0&quot;,&quot;title&quot;:&quot;&quot;,&quot;orientation&quot;:&quot;0&quot;}\" data-image-title=\"Capture d\u2019\u00e9cran, le 2023-11-22 \u00e0 09.01.35\" data-image-description=\"\" data-medium-file=\"https:\/\/i0.wp.com\/itayachtscanada.com\/wp-content\/uploads\/2023\/11\/Capture-decran-le-2023-11-22-a-09.01.35.png?fit=226%2C300&#038;ssl=1\" data-large-file=\"https:\/\/i0.wp.com\/itayachtscanada.com\/wp-content\/uploads\/2023\/11\/Capture-decran-le-2023-11-22-a-09.01.35.png?fit=700%2C930&#038;ssl=1\" src=\"https:\/\/i0.wp.com\/itayachtscanada.com\/wp-content\/uploads\/2023\/11\/Capture-decran-le-2023-11-22-a-09.01.35.png?w=182&#038;h=241&#038;ssl=1\" srcset=\"https:\/\/i0.wp.com\/itayachtscanada.com\/wp-content\/uploads\/2023\/11\/Capture-decran-le-2023-11-22-a-09.01.35.png?w=810&amp;ssl=1 810w, https:\/\/i0.wp.com\/itayachtscanada.com\/wp-content\/uploads\/2023\/11\/Capture-decran-le-2023-11-22-a-09.01.35.png?resize=226%2C300&amp;ssl=1 226w, https:\/\/i0.wp.com\/itayachtscanada.com\/wp-content\/uploads\/2023\/11\/Capture-decran-le-2023-11-22-a-09.01.35.png?resize=771%2C1024&amp;ssl=1 771w, https:\/\/i0.wp.com\/itayachtscanada.com\/wp-content\/uploads\/2023\/11\/Capture-decran-le-2023-11-22-a-09.01.35.png?resize=768%2C1020&amp;ssl=1 768w, https:\/\/i0.wp.com\/itayachtscanada.com\/wp-content\/uploads\/2023\/11\/Capture-decran-le-2023-11-22-a-09.01.35.png?resize=150%2C200&amp;ssl=1 150w, https:\/\/i0.wp.com\/itayachtscanada.com\/wp-content\/uploads\/2023\/11\/Capture-decran-le-2023-11-22-a-09.01.35.png?resize=700%2C930&amp;ssl=1 700w, https:\/\/i0.wp.com\/itayachtscanada.com\/wp-content\/uploads\/2023\/11\/Capture-decran-le-2023-11-22-a-09.01.35.png?resize=301%2C400&amp;ssl=1 301w\" width=\"182\" height=\"241\" loading=\"lazy\" data-original-width=\"182\" data-original-height=\"241\" itemprop=\"http:\/\/schema.org\/image\" title=\"Capture d\u2019\u00e9cran, le 2023-11-22 \u00e0 09.01.35\" alt=\"Capture d\u2019\u00e9cran, le 2023-11-22 \u00e0 09.01.35\" style=\"width: 182px; height: 241px;\" \/> <\/a> <\/div> <\/div> <!-- close group --> <\/div> <!-- close row --> <div class=\"gallery-row\" style=\"width: 700px; height: 231px;\" data-original-width=\"700\" data-original-height=\"231\" > <div class=\"gallery-group images-1\" style=\"width: 175px; height: 231px;\" data-original-width=\"175\" data-original-height=\"231\" > <div class=\"tiled-gallery-item tiled-gallery-item-small\" itemprop=\"associatedMedia\" itemscope itemtype=\"http:\/\/schema.org\/ImageObject\"> <a href=\"https:\/\/itayachtscanada.com\/fr\/listing\/aicon-66-vivere-2024-3695000-usd-for-sale\/capture-decran-le-2023-11-22-a-09-01-32\/\" border=\"0\" itemprop=\"url\"> <meta itemprop=\"width\" content=\"171\"> <meta itemprop=\"height\" content=\"227\"> <img decoding=\"async\" class=\"\" data-attachment-id=\"142443\" data-orig-file=\"https:\/\/itayachtscanada.com\/wp-content\/uploads\/2023\/11\/Capture-decran-le-2023-11-22-a-09.01.32.png\" data-orig-size=\"810,1076\" data-comments-opened=\"1\" data-image-meta=\"{&quot;aperture&quot;:&quot;0&quot;,&quot;credit&quot;:&quot;&quot;,&quot;camera&quot;:&quot;&quot;,&quot;caption&quot;:&quot;&quot;,&quot;created_timestamp&quot;:&quot;0&quot;,&quot;copyright&quot;:&quot;&quot;,&quot;focal_length&quot;:&quot;0&quot;,&quot;iso&quot;:&quot;0&quot;,&quot;shutter_speed&quot;:&quot;0&quot;,&quot;title&quot;:&quot;&quot;,&quot;orientation&quot;:&quot;0&quot;}\" data-image-title=\"Capture d\u2019\u00e9cran, le 2023-11-22 \u00e0 09.01.32\" data-image-description=\"\" data-medium-file=\"https:\/\/i0.wp.com\/itayachtscanada.com\/wp-content\/uploads\/2023\/11\/Capture-decran-le-2023-11-22-a-09.01.32.png?fit=226%2C300&#038;ssl=1\" data-large-file=\"https:\/\/i0.wp.com\/itayachtscanada.com\/wp-content\/uploads\/2023\/11\/Capture-decran-le-2023-11-22-a-09.01.32.png?fit=700%2C930&#038;ssl=1\" src=\"https:\/\/i0.wp.com\/itayachtscanada.com\/wp-content\/uploads\/2023\/11\/Capture-decran-le-2023-11-22-a-09.01.32.png?w=171&#038;h=227&#038;ssl=1\" srcset=\"https:\/\/i0.wp.com\/itayachtscanada.com\/wp-content\/uploads\/2023\/11\/Capture-decran-le-2023-11-22-a-09.01.32.png?w=810&amp;ssl=1 810w, https:\/\/i0.wp.com\/itayachtscanada.com\/wp-content\/uploads\/2023\/11\/Capture-decran-le-2023-11-22-a-09.01.32.png?resize=226%2C300&amp;ssl=1 226w, https:\/\/i0.wp.com\/itayachtscanada.com\/wp-content\/uploads\/2023\/11\/Capture-decran-le-2023-11-22-a-09.01.32.png?resize=771%2C1024&amp;ssl=1 771w, https:\/\/i0.wp.com\/itayachtscanada.com\/wp-content\/uploads\/2023\/11\/Capture-decran-le-2023-11-22-a-09.01.32.png?resize=768%2C1020&amp;ssl=1 768w, https:\/\/i0.wp.com\/itayachtscanada.com\/wp-content\/uploads\/2023\/11\/Capture-decran-le-2023-11-22-a-09.01.32.png?resize=600%2C800&amp;ssl=1 600w, https:\/\/i0.wp.com\/itayachtscanada.com\/wp-content\/uploads\/2023\/11\/Capture-decran-le-2023-11-22-a-09.01.32.png?resize=450%2C600&amp;ssl=1 450w, https:\/\/i0.wp.com\/itayachtscanada.com\/wp-content\/uploads\/2023\/11\/Capture-decran-le-2023-11-22-a-09.01.32.png?resize=300%2C400&amp;ssl=1 300w, https:\/\/i0.wp.com\/itayachtscanada.com\/wp-content\/uploads\/2023\/11\/Capture-decran-le-2023-11-22-a-09.01.32.png?resize=150%2C200&amp;ssl=1 150w, https:\/\/i0.wp.com\/itayachtscanada.com\/wp-content\/uploads\/2023\/11\/Capture-decran-le-2023-11-22-a-09.01.32.png?resize=700%2C930&amp;ssl=1 700w, https:\/\/i0.wp.com\/itayachtscanada.com\/wp-content\/uploads\/2023\/11\/Capture-decran-le-2023-11-22-a-09.01.32.png?resize=301%2C400&amp;ssl=1 301w\" width=\"171\" height=\"227\" loading=\"lazy\" data-original-width=\"171\" data-original-height=\"227\" itemprop=\"http:\/\/schema.org\/image\" title=\"Capture d\u2019\u00e9cran, le 2023-11-22 \u00e0 09.01.32\" alt=\"Capture d\u2019\u00e9cran, le 2023-11-22 \u00e0 09.01.32\" style=\"width: 171px; height: 227px;\" \/> <\/a> <\/div> <\/div> <!-- close group --> <div class=\"gallery-group images-1\" style=\"width: 175px; height: 231px;\" data-original-width=\"175\" data-original-height=\"231\" > <div class=\"tiled-gallery-item tiled-gallery-item-small\" itemprop=\"associatedMedia\" itemscope itemtype=\"http:\/\/schema.org\/ImageObject\"> <a href=\"https:\/\/itayachtscanada.com\/fr\/listing\/aicon-66-vivere-2024-3695000-usd-for-sale\/capture-decran-le-2023-11-22-a-09-01-24\/\" border=\"0\" itemprop=\"url\"> <meta itemprop=\"width\" content=\"171\"> <meta itemprop=\"height\" content=\"227\"> <img decoding=\"async\" class=\"\" data-attachment-id=\"142445\" data-orig-file=\"https:\/\/itayachtscanada.com\/wp-content\/uploads\/2023\/11\/Capture-decran-le-2023-11-22-a-09.01.24.png\" data-orig-size=\"810,1076\" data-comments-opened=\"1\" data-image-meta=\"{&quot;aperture&quot;:&quot;0&quot;,&quot;credit&quot;:&quot;&quot;,&quot;camera&quot;:&quot;&quot;,&quot;caption&quot;:&quot;&quot;,&quot;created_timestamp&quot;:&quot;0&quot;,&quot;copyright&quot;:&quot;&quot;,&quot;focal_length&quot;:&quot;0&quot;,&quot;iso&quot;:&quot;0&quot;,&quot;shutter_speed&quot;:&quot;0&quot;,&quot;title&quot;:&quot;&quot;,&quot;orientation&quot;:&quot;0&quot;}\" data-image-title=\"Capture d\u2019\u00e9cran, le 2023-11-22 \u00e0 09.01.24\" data-image-description=\"\" data-medium-file=\"https:\/\/i0.wp.com\/itayachtscanada.com\/wp-content\/uploads\/2023\/11\/Capture-decran-le-2023-11-22-a-09.01.24.png?fit=226%2C300&#038;ssl=1\" data-large-file=\"https:\/\/i0.wp.com\/itayachtscanada.com\/wp-content\/uploads\/2023\/11\/Capture-decran-le-2023-11-22-a-09.01.24.png?fit=700%2C930&#038;ssl=1\" src=\"https:\/\/i0.wp.com\/itayachtscanada.com\/wp-content\/uploads\/2023\/11\/Capture-decran-le-2023-11-22-a-09.01.24.png?w=171&#038;h=227&#038;ssl=1\" srcset=\"https:\/\/i0.wp.com\/itayachtscanada.com\/wp-content\/uploads\/2023\/11\/Capture-decran-le-2023-11-22-a-09.01.24.png?w=810&amp;ssl=1 810w, https:\/\/i0.wp.com\/itayachtscanada.com\/wp-content\/uploads\/2023\/11\/Capture-decran-le-2023-11-22-a-09.01.24.png?resize=226%2C300&amp;ssl=1 226w, https:\/\/i0.wp.com\/itayachtscanada.com\/wp-content\/uploads\/2023\/11\/Capture-decran-le-2023-11-22-a-09.01.24.png?resize=771%2C1024&amp;ssl=1 771w, https:\/\/i0.wp.com\/itayachtscanada.com\/wp-content\/uploads\/2023\/11\/Capture-decran-le-2023-11-22-a-09.01.24.png?resize=768%2C1020&amp;ssl=1 768w, https:\/\/i0.wp.com\/itayachtscanada.com\/wp-content\/uploads\/2023\/11\/Capture-decran-le-2023-11-22-a-09.01.24.png?resize=600%2C800&amp;ssl=1 600w, https:\/\/i0.wp.com\/itayachtscanada.com\/wp-content\/uploads\/2023\/11\/Capture-decran-le-2023-11-22-a-09.01.24.png?resize=450%2C600&amp;ssl=1 450w, https:\/\/i0.wp.com\/itayachtscanada.com\/wp-content\/uploads\/2023\/11\/Capture-decran-le-2023-11-22-a-09.01.24.png?resize=300%2C400&amp;ssl=1 300w, https:\/\/i0.wp.com\/itayachtscanada.com\/wp-content\/uploads\/2023\/11\/Capture-decran-le-2023-11-22-a-09.01.24.png?resize=150%2C200&amp;ssl=1 150w, https:\/\/i0.wp.com\/itayachtscanada.com\/wp-content\/uploads\/2023\/11\/Capture-decran-le-2023-11-22-a-09.01.24.png?resize=700%2C930&amp;ssl=1 700w, https:\/\/i0.wp.com\/itayachtscanada.com\/wp-content\/uploads\/2023\/11\/Capture-decran-le-2023-11-22-a-09.01.24.png?resize=301%2C400&amp;ssl=1 301w\" width=\"171\" height=\"227\" loading=\"lazy\" data-original-width=\"171\" data-original-height=\"227\" itemprop=\"http:\/\/schema.org\/image\" title=\"Capture d\u2019\u00e9cran, le 2023-11-22 \u00e0 09.01.24\" alt=\"Capture d\u2019\u00e9cran, le 2023-11-22 \u00e0 09.01.24\" style=\"width: 171px; height: 227px;\" \/> <\/a> <\/div> <\/div> <!-- close group --> <div class=\"gallery-group images-1\" style=\"width: 175px; height: 231px;\" data-original-width=\"175\" data-original-height=\"231\" > <div class=\"tiled-gallery-item tiled-gallery-item-small\" itemprop=\"associatedMedia\" itemscope itemtype=\"http:\/\/schema.org\/ImageObject\"> <a href=\"https:\/\/itayachtscanada.com\/fr\/listing\/aicon-66-vivere-2024-3695000-usd-for-sale\/capture-decran-le-2023-11-22-a-09-01-21\/\" border=\"0\" itemprop=\"url\"> <meta itemprop=\"width\" content=\"171\"> <meta itemprop=\"height\" content=\"227\"> <img decoding=\"async\" class=\"\" data-attachment-id=\"142446\" data-orig-file=\"https:\/\/itayachtscanada.com\/wp-content\/uploads\/2023\/11\/Capture-decran-le-2023-11-22-a-09.01.21.png\" data-orig-size=\"810,1076\" data-comments-opened=\"1\" data-image-meta=\"{&quot;aperture&quot;:&quot;0&quot;,&quot;credit&quot;:&quot;&quot;,&quot;camera&quot;:&quot;&quot;,&quot;caption&quot;:&quot;&quot;,&quot;created_timestamp&quot;:&quot;0&quot;,&quot;copyright&quot;:&quot;&quot;,&quot;focal_length&quot;:&quot;0&quot;,&quot;iso&quot;:&quot;0&quot;,&quot;shutter_speed&quot;:&quot;0&quot;,&quot;title&quot;:&quot;&quot;,&quot;orientation&quot;:&quot;0&quot;}\" data-image-title=\"Capture d\u2019\u00e9cran, le 2023-11-22 \u00e0 09.01.21\" data-image-description=\"\" data-medium-file=\"https:\/\/i0.wp.com\/itayachtscanada.com\/wp-content\/uploads\/2023\/11\/Capture-decran-le-2023-11-22-a-09.01.21.png?fit=226%2C300&#038;ssl=1\" data-large-file=\"https:\/\/i0.wp.com\/itayachtscanada.com\/wp-content\/uploads\/2023\/11\/Capture-decran-le-2023-11-22-a-09.01.21.png?fit=700%2C930&#038;ssl=1\" src=\"https:\/\/i0.wp.com\/itayachtscanada.com\/wp-content\/uploads\/2023\/11\/Capture-decran-le-2023-11-22-a-09.01.21.png?w=171&#038;h=227&#038;ssl=1\" srcset=\"https:\/\/i0.wp.com\/itayachtscanada.com\/wp-content\/uploads\/2023\/11\/Capture-decran-le-2023-11-22-a-09.01.21.png?w=810&amp;ssl=1 810w, https:\/\/i0.wp.com\/itayachtscanada.com\/wp-content\/uploads\/2023\/11\/Capture-decran-le-2023-11-22-a-09.01.21.png?resize=226%2C300&amp;ssl=1 226w, https:\/\/i0.wp.com\/itayachtscanada.com\/wp-content\/uploads\/2023\/11\/Capture-decran-le-2023-11-22-a-09.01.21.png?resize=771%2C1024&amp;ssl=1 771w, https:\/\/i0.wp.com\/itayachtscanada.com\/wp-content\/uploads\/2023\/11\/Capture-decran-le-2023-11-22-a-09.01.21.png?resize=768%2C1020&amp;ssl=1 768w, https:\/\/i0.wp.com\/itayachtscanada.com\/wp-content\/uploads\/2023\/11\/Capture-decran-le-2023-11-22-a-09.01.21.png?resize=600%2C800&amp;ssl=1 600w, https:\/\/i0.wp.com\/itayachtscanada.com\/wp-content\/uploads\/2023\/11\/Capture-decran-le-2023-11-22-a-09.01.21.png?resize=450%2C600&amp;ssl=1 450w, https:\/\/i0.wp.com\/itayachtscanada.com\/wp-content\/uploads\/2023\/11\/Capture-decran-le-2023-11-22-a-09.01.21.png?resize=300%2C400&amp;ssl=1 300w, https:\/\/i0.wp.com\/itayachtscanada.com\/wp-content\/uploads\/2023\/11\/Capture-decran-le-2023-11-22-a-09.01.21.png?resize=150%2C200&amp;ssl=1 150w, https:\/\/i0.wp.com\/itayachtscanada.com\/wp-content\/uploads\/2023\/11\/Capture-decran-le-2023-11-22-a-09.01.21.png?resize=700%2C930&amp;ssl=1 700w, https:\/\/i0.wp.com\/itayachtscanada.com\/wp-content\/uploads\/2023\/11\/Capture-decran-le-2023-11-22-a-09.01.21.png?resize=301%2C400&amp;ssl=1 301w\" width=\"171\" height=\"227\" loading=\"lazy\" data-original-width=\"171\" data-original-height=\"227\" itemprop=\"http:\/\/schema.org\/image\" title=\"Capture d\u2019\u00e9cran, le 2023-11-22 \u00e0 09.01.21\" alt=\"Capture d\u2019\u00e9cran, le 2023-11-22 \u00e0 09.01.21\" style=\"width: 171px; height: 227px;\" \/> <\/a> <\/div> <\/div> <!-- close group --> <div class=\"gallery-group images-1\" style=\"width: 175px; height: 231px;\" data-original-width=\"175\" data-original-height=\"231\" > <div class=\"tiled-gallery-item tiled-gallery-item-small\" itemprop=\"associatedMedia\" itemscope itemtype=\"http:\/\/schema.org\/ImageObject\"> <a href=\"https:\/\/itayachtscanada.com\/fr\/listing\/aicon-66-vivere-2024-3695000-usd-for-sale\/capture-decran-le-2023-11-22-a-09-01-16\/\" border=\"0\" itemprop=\"url\"> <meta itemprop=\"width\" content=\"171\"> <meta itemprop=\"height\" content=\"227\"> <img decoding=\"async\" class=\"\" data-attachment-id=\"142447\" data-orig-file=\"https:\/\/itayachtscanada.com\/wp-content\/uploads\/2023\/11\/Capture-decran-le-2023-11-22-a-09.01.16.png\" data-orig-size=\"810,1076\" data-comments-opened=\"1\" data-image-meta=\"{&quot;aperture&quot;:&quot;0&quot;,&quot;credit&quot;:&quot;&quot;,&quot;camera&quot;:&quot;&quot;,&quot;caption&quot;:&quot;&quot;,&quot;created_timestamp&quot;:&quot;0&quot;,&quot;copyright&quot;:&quot;&quot;,&quot;focal_length&quot;:&quot;0&quot;,&quot;iso&quot;:&quot;0&quot;,&quot;shutter_speed&quot;:&quot;0&quot;,&quot;title&quot;:&quot;&quot;,&quot;orientation&quot;:&quot;0&quot;}\" data-image-title=\"Capture d\u2019\u00e9cran, le 2023-11-22 \u00e0 09.01.16\" data-image-description=\"\" data-medium-file=\"https:\/\/i0.wp.com\/itayachtscanada.com\/wp-content\/uploads\/2023\/11\/Capture-decran-le-2023-11-22-a-09.01.16.png?fit=226%2C300&#038;ssl=1\" data-large-file=\"https:\/\/i0.wp.com\/itayachtscanada.com\/wp-content\/uploads\/2023\/11\/Capture-decran-le-2023-11-22-a-09.01.16.png?fit=700%2C930&#038;ssl=1\" src=\"https:\/\/i0.wp.com\/itayachtscanada.com\/wp-content\/uploads\/2023\/11\/Capture-decran-le-2023-11-22-a-09.01.16.png?w=171&#038;h=227&#038;ssl=1\" srcset=\"https:\/\/i0.wp.com\/itayachtscanada.com\/wp-content\/uploads\/2023\/11\/Capture-decran-le-2023-11-22-a-09.01.16.png?w=810&amp;ssl=1 810w, https:\/\/i0.wp.com\/itayachtscanada.com\/wp-content\/uploads\/2023\/11\/Capture-decran-le-2023-11-22-a-09.01.16.png?resize=226%2C300&amp;ssl=1 226w, https:\/\/i0.wp.com\/itayachtscanada.com\/wp-content\/uploads\/2023\/11\/Capture-decran-le-2023-11-22-a-09.01.16.png?resize=771%2C1024&amp;ssl=1 771w, https:\/\/i0.wp.com\/itayachtscanada.com\/wp-content\/uploads\/2023\/11\/Capture-decran-le-2023-11-22-a-09.01.16.png?resize=768%2C1020&amp;ssl=1 768w, https:\/\/i0.wp.com\/itayachtscanada.com\/wp-content\/uploads\/2023\/11\/Capture-decran-le-2023-11-22-a-09.01.16.png?resize=600%2C800&amp;ssl=1 600w, https:\/\/i0.wp.com\/itayachtscanada.com\/wp-content\/uploads\/2023\/11\/Capture-decran-le-2023-11-22-a-09.01.16.png?resize=450%2C600&amp;ssl=1 450w, https:\/\/i0.wp.com\/itayachtscanada.com\/wp-content\/uploads\/2023\/11\/Capture-decran-le-2023-11-22-a-09.01.16.png?resize=300%2C400&amp;ssl=1 300w, https:\/\/i0.wp.com\/itayachtscanada.com\/wp-content\/uploads\/2023\/11\/Capture-decran-le-2023-11-22-a-09.01.16.png?resize=150%2C200&amp;ssl=1 150w, https:\/\/i0.wp.com\/itayachtscanada.com\/wp-content\/uploads\/2023\/11\/Capture-decran-le-2023-11-22-a-09.01.16.png?resize=700%2C930&amp;ssl=1 700w, https:\/\/i0.wp.com\/itayachtscanada.com\/wp-content\/uploads\/2023\/11\/Capture-decran-le-2023-11-22-a-09.01.16.png?resize=301%2C400&amp;ssl=1 301w\" width=\"171\" height=\"227\" loading=\"lazy\" data-original-width=\"171\" data-original-height=\"227\" itemprop=\"http:\/\/schema.org\/image\" title=\"Capture d\u2019\u00e9cran, le 2023-11-22 \u00e0 09.01.16\" alt=\"Capture d\u2019\u00e9cran, le 2023-11-22 \u00e0 09.01.16\" style=\"width: 171px; height: 227px;\" \/> <\/a> <\/div> <\/div> <!-- close group --> <\/div> <!-- close row --> <div class=\"gallery-row\" style=\"width: 700px; height: 325px;\" data-original-width=\"700\" data-original-height=\"325\" > <div class=\"gallery-group images-1\" style=\"width: 432px; height: 325px;\" data-original-width=\"432\" data-original-height=\"325\" > <div class=\"tiled-gallery-item tiled-gallery-item-large\" itemprop=\"associatedMedia\" itemscope itemtype=\"http:\/\/schema.org\/ImageObject\"> <a href=\"https:\/\/itayachtscanada.com\/fr\/listing\/aicon-66-vivere-2024-3695000-usd-for-sale\/capture-decran-le-2023-11-22-a-09-01-06\/\" border=\"0\" itemprop=\"url\"> <meta itemprop=\"width\" content=\"428\"> <meta itemprop=\"height\" content=\"321\"> <img decoding=\"async\" class=\"\" data-attachment-id=\"142448\" data-orig-file=\"https:\/\/itayachtscanada.com\/wp-content\/uploads\/2023\/11\/Capture-decran-le-2023-11-22-a-09.01.06.png\" data-orig-size=\"1436,1076\" data-comments-opened=\"1\" data-image-meta=\"{&quot;aperture&quot;:&quot;0&quot;,&quot;credit&quot;:&quot;&quot;,&quot;camera&quot;:&quot;&quot;,&quot;caption&quot;:&quot;&quot;,&quot;created_timestamp&quot;:&quot;0&quot;,&quot;copyright&quot;:&quot;&quot;,&quot;focal_length&quot;:&quot;0&quot;,&quot;iso&quot;:&quot;0&quot;,&quot;shutter_speed&quot;:&quot;0&quot;,&quot;title&quot;:&quot;&quot;,&quot;orientation&quot;:&quot;0&quot;}\" data-image-title=\"Capture d\u2019\u00e9cran, le 2023-11-22 \u00e0 09.01.06\" data-image-description=\"\" data-medium-file=\"https:\/\/i0.wp.com\/itayachtscanada.com\/wp-content\/uploads\/2023\/11\/Capture-decran-le-2023-11-22-a-09.01.06.png?fit=300%2C225&#038;ssl=1\" data-large-file=\"https:\/\/i0.wp.com\/itayachtscanada.com\/wp-content\/uploads\/2023\/11\/Capture-decran-le-2023-11-22-a-09.01.06.png?fit=700%2C524&#038;ssl=1\" src=\"https:\/\/i0.wp.com\/itayachtscanada.com\/wp-content\/uploads\/2023\/11\/Capture-decran-le-2023-11-22-a-09.01.06.png?w=428&#038;h=321&#038;ssl=1\" srcset=\"https:\/\/i0.wp.com\/itayachtscanada.com\/wp-content\/uploads\/2023\/11\/Capture-decran-le-2023-11-22-a-09.01.06.png?w=1436&amp;ssl=1 1436w, https:\/\/i0.wp.com\/itayachtscanada.com\/wp-content\/uploads\/2023\/11\/Capture-decran-le-2023-11-22-a-09.01.06.png?resize=300%2C225&amp;ssl=1 300w, https:\/\/i0.wp.com\/itayachtscanada.com\/wp-content\/uploads\/2023\/11\/Capture-decran-le-2023-11-22-a-09.01.06.png?resize=1024%2C767&amp;ssl=1 1024w, https:\/\/i0.wp.com\/itayachtscanada.com\/wp-content\/uploads\/2023\/11\/Capture-decran-le-2023-11-22-a-09.01.06.png?resize=768%2C575&amp;ssl=1 768w, https:\/\/i0.wp.com\/itayachtscanada.com\/wp-content\/uploads\/2023\/11\/Capture-decran-le-2023-11-22-a-09.01.06.png?resize=1200%2C899&amp;ssl=1 1200w, https:\/\/i0.wp.com\/itayachtscanada.com\/wp-content\/uploads\/2023\/11\/Capture-decran-le-2023-11-22-a-09.01.06.png?resize=800%2C600&amp;ssl=1 800w, https:\/\/i0.wp.com\/itayachtscanada.com\/wp-content\/uploads\/2023\/11\/Capture-decran-le-2023-11-22-a-09.01.06.png?resize=600%2C450&amp;ssl=1 600w, https:\/\/i0.wp.com\/itayachtscanada.com\/wp-content\/uploads\/2023\/11\/Capture-decran-le-2023-11-22-a-09.01.06.png?resize=400%2C300&amp;ssl=1 400w, https:\/\/i0.wp.com\/itayachtscanada.com\/wp-content\/uploads\/2023\/11\/Capture-decran-le-2023-11-22-a-09.01.06.png?resize=200%2C150&amp;ssl=1 200w, https:\/\/i0.wp.com\/itayachtscanada.com\/wp-content\/uploads\/2023\/11\/Capture-decran-le-2023-11-22-a-09.01.06.png?resize=700%2C525&amp;ssl=1 700w, https:\/\/i0.wp.com\/itayachtscanada.com\/wp-content\/uploads\/2023\/11\/Capture-decran-le-2023-11-22-a-09.01.06.png?resize=534%2C400&amp;ssl=1 534w\" width=\"428\" height=\"321\" loading=\"lazy\" data-original-width=\"428\" data-original-height=\"321\" itemprop=\"http:\/\/schema.org\/image\" title=\"Capture d\u2019\u00e9cran, le 2023-11-22 \u00e0 09.01.06\" alt=\"Capture d\u2019\u00e9cran, le 2023-11-22 \u00e0 09.01.06\" style=\"width: 428px; height: 321px;\" \/> <\/a> <\/div> <\/div> <!-- close group --> <div class=\"gallery-group images-2\" style=\"width: 268px; height: 325px;\" data-original-width=\"268\" data-original-height=\"325\" > <div class=\"tiled-gallery-item tiled-gallery-item-large\" itemprop=\"associatedMedia\" itemscope itemtype=\"http:\/\/schema.org\/ImageObject\"> <a href=\"https:\/\/itayachtscanada.com\/fr\/listing\/aicon-66-vivere-2024-3695000-usd-for-sale\/layout-aicon-66-flybridge-diagram\/\" border=\"0\" itemprop=\"url\"> <meta itemprop=\"width\" content=\"264\"> <meta itemprop=\"height\" content=\"159\"> <img decoding=\"async\" class=\"\" data-attachment-id=\"142407\" data-orig-file=\"https:\/\/itayachtscanada.com\/wp-content\/uploads\/2023\/11\/Layout-Aicon-66-flybridge-diagram.png\" data-orig-size=\"1124,674\" data-comments-opened=\"1\" data-image-meta=\"{&quot;aperture&quot;:&quot;0&quot;,&quot;credit&quot;:&quot;&quot;,&quot;camera&quot;:&quot;&quot;,&quot;caption&quot;:&quot;&quot;,&quot;created_timestamp&quot;:&quot;0&quot;,&quot;copyright&quot;:&quot;&quot;,&quot;focal_length&quot;:&quot;0&quot;,&quot;iso&quot;:&quot;0&quot;,&quot;shutter_speed&quot;:&quot;0&quot;,&quot;title&quot;:&quot;&quot;,&quot;orientation&quot;:&quot;0&quot;}\" data-image-title=\"Layout Aicon 66 flybridge diagram\" data-image-description=\"\" data-medium-file=\"https:\/\/i0.wp.com\/itayachtscanada.com\/wp-content\/uploads\/2023\/11\/Layout-Aicon-66-flybridge-diagram.png?fit=300%2C180&#038;ssl=1\" data-large-file=\"https:\/\/i0.wp.com\/itayachtscanada.com\/wp-content\/uploads\/2023\/11\/Layout-Aicon-66-flybridge-diagram.png?fit=700%2C420&#038;ssl=1\" src=\"https:\/\/i0.wp.com\/itayachtscanada.com\/wp-content\/uploads\/2023\/11\/Layout-Aicon-66-flybridge-diagram.png?w=264&#038;h=159&#038;ssl=1\" srcset=\"https:\/\/i0.wp.com\/itayachtscanada.com\/wp-content\/uploads\/2023\/11\/Layout-Aicon-66-flybridge-diagram.png?w=1124&amp;ssl=1 1124w, https:\/\/i0.wp.com\/itayachtscanada.com\/wp-content\/uploads\/2023\/11\/Layout-Aicon-66-flybridge-diagram.png?resize=300%2C180&amp;ssl=1 300w, https:\/\/i0.wp.com\/itayachtscanada.com\/wp-content\/uploads\/2023\/11\/Layout-Aicon-66-flybridge-diagram.png?resize=1024%2C614&amp;ssl=1 1024w, https:\/\/i0.wp.com\/itayachtscanada.com\/wp-content\/uploads\/2023\/11\/Layout-Aicon-66-flybridge-diagram.png?resize=768%2C461&amp;ssl=1 768w, https:\/\/i0.wp.com\/itayachtscanada.com\/wp-content\/uploads\/2023\/11\/Layout-Aicon-66-flybridge-diagram.png?resize=700%2C420&amp;ssl=1 700w, https:\/\/i0.wp.com\/itayachtscanada.com\/wp-content\/uploads\/2023\/11\/Layout-Aicon-66-flybridge-diagram.png?resize=667%2C400&amp;ssl=1 667w\" width=\"264\" height=\"159\" loading=\"lazy\" data-original-width=\"264\" data-original-height=\"159\" itemprop=\"http:\/\/schema.org\/image\" title=\"Layout Aicon 66 flybridge diagram\" alt=\"Layout Aicon 66 flybridge diagram\" style=\"width: 264px; height: 159px;\" \/> <\/a> <\/div> <div class=\"tiled-gallery-item tiled-gallery-item-large\" itemprop=\"associatedMedia\" itemscope itemtype=\"http:\/\/schema.org\/ImageObject\"> <a href=\"https:\/\/itayachtscanada.com\/fr\/listing\/aicon-66-vivere-2024-3695000-usd-for-sale\/layout-aicon-66-main-deck-diagram\/\" border=\"0\" itemprop=\"url\"> <meta itemprop=\"width\" content=\"264\"> <meta itemprop=\"height\" content=\"158\"> <img decoding=\"async\" class=\"\" data-attachment-id=\"142408\" data-orig-file=\"https:\/\/itayachtscanada.com\/wp-content\/uploads\/2023\/11\/Layout-Aicon-66-main-deck-diagram.png\" data-orig-size=\"1124,674\" data-comments-opened=\"1\" data-image-meta=\"{&quot;aperture&quot;:&quot;0&quot;,&quot;credit&quot;:&quot;&quot;,&quot;camera&quot;:&quot;&quot;,&quot;caption&quot;:&quot;&quot;,&quot;created_timestamp&quot;:&quot;0&quot;,&quot;copyright&quot;:&quot;&quot;,&quot;focal_length&quot;:&quot;0&quot;,&quot;iso&quot;:&quot;0&quot;,&quot;shutter_speed&quot;:&quot;0&quot;,&quot;title&quot;:&quot;&quot;,&quot;orientation&quot;:&quot;0&quot;}\" data-image-title=\"Layout Aicon 66 main deck diagram\" data-image-description=\"\" data-medium-file=\"https:\/\/i0.wp.com\/itayachtscanada.com\/wp-content\/uploads\/2023\/11\/Layout-Aicon-66-main-deck-diagram.png?fit=300%2C180&#038;ssl=1\" data-large-file=\"https:\/\/i0.wp.com\/itayachtscanada.com\/wp-content\/uploads\/2023\/11\/Layout-Aicon-66-main-deck-diagram.png?fit=700%2C420&#038;ssl=1\" src=\"https:\/\/i0.wp.com\/itayachtscanada.com\/wp-content\/uploads\/2023\/11\/Layout-Aicon-66-main-deck-diagram.png?w=264&#038;h=158&#038;ssl=1\" srcset=\"https:\/\/i0.wp.com\/itayachtscanada.com\/wp-content\/uploads\/2023\/11\/Layout-Aicon-66-main-deck-diagram.png?w=1124&amp;ssl=1 1124w, https:\/\/i0.wp.com\/itayachtscanada.com\/wp-content\/uploads\/2023\/11\/Layout-Aicon-66-main-deck-diagram.png?resize=300%2C180&amp;ssl=1 300w, https:\/\/i0.wp.com\/itayachtscanada.com\/wp-content\/uploads\/2023\/11\/Layout-Aicon-66-main-deck-diagram.png?resize=1024%2C614&amp;ssl=1 1024w, https:\/\/i0.wp.com\/itayachtscanada.com\/wp-content\/uploads\/2023\/11\/Layout-Aicon-66-main-deck-diagram.png?resize=768%2C461&amp;ssl=1 768w, https:\/\/i0.wp.com\/itayachtscanada.com\/wp-content\/uploads\/2023\/11\/Layout-Aicon-66-main-deck-diagram.png?resize=700%2C420&amp;ssl=1 700w, https:\/\/i0.wp.com\/itayachtscanada.com\/wp-content\/uploads\/2023\/11\/Layout-Aicon-66-main-deck-diagram.png?resize=667%2C400&amp;ssl=1 667w\" width=\"264\" height=\"158\" loading=\"lazy\" data-original-width=\"264\" data-original-height=\"158\" itemprop=\"http:\/\/schema.org\/image\" title=\"Layout Aicon 66 main deck diagram\" alt=\"Layout Aicon 66 main deck diagram\" style=\"width: 264px; height: 158px;\" \/> <\/a> <\/div> <\/div> <!-- close group --> <\/div> <!-- close row --> <div class=\"gallery-row\" style=\"width: 700px; height: 274px;\" data-original-width=\"700\" data-original-height=\"274\" > <div class=\"gallery-group images-1\" style=\"width: 700px; height: 274px;\" data-original-width=\"700\" data-original-height=\"274\" > <div class=\"tiled-gallery-item tiled-gallery-item-large\" itemprop=\"associatedMedia\" itemscope itemtype=\"http:\/\/schema.org\/ImageObject\"> <a href=\"https:\/\/itayachtscanada.com\/fr\/listing\/aicon-66-vivere-2024-3695000-usd-for-sale\/layout-aicon-66-lower-deck-diagram\/\" border=\"0\" itemprop=\"url\"> <meta itemprop=\"width\" content=\"696\"> <meta itemprop=\"height\" content=\"270\"> <img decoding=\"async\" class=\"\" data-attachment-id=\"142406\" data-orig-file=\"https:\/\/itayachtscanada.com\/wp-content\/uploads\/2023\/11\/Layout-Aicon-66-lower-deck-diagram.png\" data-orig-size=\"1124,436\" data-comments-opened=\"1\" data-image-meta=\"{&quot;aperture&quot;:&quot;0&quot;,&quot;credit&quot;:&quot;&quot;,&quot;camera&quot;:&quot;&quot;,&quot;caption&quot;:&quot;&quot;,&quot;created_timestamp&quot;:&quot;0&quot;,&quot;copyright&quot;:&quot;&quot;,&quot;focal_length&quot;:&quot;0&quot;,&quot;iso&quot;:&quot;0&quot;,&quot;shutter_speed&quot;:&quot;0&quot;,&quot;title&quot;:&quot;&quot;,&quot;orientation&quot;:&quot;0&quot;}\" data-image-title=\"Layout Aicon 66 lower deck diagram\" data-image-description=\"\" data-medium-file=\"https:\/\/i0.wp.com\/itayachtscanada.com\/wp-content\/uploads\/2023\/11\/Layout-Aicon-66-lower-deck-diagram.png?fit=300%2C116&#038;ssl=1\" data-large-file=\"https:\/\/i0.wp.com\/itayachtscanada.com\/wp-content\/uploads\/2023\/11\/Layout-Aicon-66-lower-deck-diagram.png?fit=700%2C271&#038;ssl=1\" src=\"https:\/\/i0.wp.com\/itayachtscanada.com\/wp-content\/uploads\/2023\/11\/Layout-Aicon-66-lower-deck-diagram.png?w=696&#038;h=270&#038;ssl=1\" srcset=\"https:\/\/i0.wp.com\/itayachtscanada.com\/wp-content\/uploads\/2023\/11\/Layout-Aicon-66-lower-deck-diagram.png?w=1124&amp;ssl=1 1124w, https:\/\/i0.wp.com\/itayachtscanada.com\/wp-content\/uploads\/2023\/11\/Layout-Aicon-66-lower-deck-diagram.png?resize=300%2C116&amp;ssl=1 300w, https:\/\/i0.wp.com\/itayachtscanada.com\/wp-content\/uploads\/2023\/11\/Layout-Aicon-66-lower-deck-diagram.png?resize=1024%2C397&amp;ssl=1 1024w, https:\/\/i0.wp.com\/itayachtscanada.com\/wp-content\/uploads\/2023\/11\/Layout-Aicon-66-lower-deck-diagram.png?resize=768%2C298&amp;ssl=1 768w, https:\/\/i0.wp.com\/itayachtscanada.com\/wp-content\/uploads\/2023\/11\/Layout-Aicon-66-lower-deck-diagram.png?resize=700%2C272&amp;ssl=1 700w, https:\/\/i0.wp.com\/itayachtscanada.com\/wp-content\/uploads\/2023\/11\/Layout-Aicon-66-lower-deck-diagram.png?resize=1031%2C400&amp;ssl=1 1031w\" width=\"696\" height=\"270\" loading=\"lazy\" data-original-width=\"696\" data-original-height=\"270\" itemprop=\"http:\/\/schema.org\/image\" title=\"Layout Aicon 66 lower deck diagram\" alt=\"Layout Aicon 66 lower deck diagram\" style=\"width: 696px; height: 270px;\" \/> <\/a> <\/div> <\/div> <!-- close group --> <\/div> <!-- close row --> <div class=\"gallery-row\" style=\"width: 700px; height: 336px;\" data-original-width=\"700\" data-original-height=\"336\" > <div class=\"gallery-group images-1\" style=\"width: 446px; height: 336px;\" data-original-width=\"446\" data-original-height=\"336\" > <div class=\"tiled-gallery-item tiled-gallery-item-large\" itemprop=\"associatedMedia\" itemscope itemtype=\"http:\/\/schema.org\/ImageObject\"> <a href=\"https:\/\/itayachtscanada.com\/fr\/listing\/aicon-66-vivere-2024-3695000-usd-for-sale\/capture-decran-le-2023-11-22-a-09-00-35\/\" border=\"0\" itemprop=\"url\"> <meta itemprop=\"width\" content=\"442\"> <meta itemprop=\"height\" content=\"332\"> <img decoding=\"async\" class=\"\" data-attachment-id=\"142452\" data-orig-file=\"https:\/\/itayachtscanada.com\/wp-content\/uploads\/2023\/11\/Capture-decran-le-2023-11-22-a-09.00.35.png\" data-orig-size=\"1436,1076\" data-comments-opened=\"1\" data-image-meta=\"{&quot;aperture&quot;:&quot;0&quot;,&quot;credit&quot;:&quot;&quot;,&quot;camera&quot;:&quot;&quot;,&quot;caption&quot;:&quot;&quot;,&quot;created_timestamp&quot;:&quot;0&quot;,&quot;copyright&quot;:&quot;&quot;,&quot;focal_length&quot;:&quot;0&quot;,&quot;iso&quot;:&quot;0&quot;,&quot;shutter_speed&quot;:&quot;0&quot;,&quot;title&quot;:&quot;&quot;,&quot;orientation&quot;:&quot;0&quot;}\" data-image-title=\"Capture d\u2019\u00e9cran, le 2023-11-22 \u00e0 09.00.35\" data-image-description=\"\" data-medium-file=\"https:\/\/i0.wp.com\/itayachtscanada.com\/wp-content\/uploads\/2023\/11\/Capture-decran-le-2023-11-22-a-09.00.35.png?fit=300%2C225&#038;ssl=1\" data-large-file=\"https:\/\/i0.wp.com\/itayachtscanada.com\/wp-content\/uploads\/2023\/11\/Capture-decran-le-2023-11-22-a-09.00.35.png?fit=700%2C524&#038;ssl=1\" src=\"https:\/\/i0.wp.com\/itayachtscanada.com\/wp-content\/uploads\/2023\/11\/Capture-decran-le-2023-11-22-a-09.00.35.png?w=442&#038;h=332&#038;ssl=1\" srcset=\"https:\/\/i0.wp.com\/itayachtscanada.com\/wp-content\/uploads\/2023\/11\/Capture-decran-le-2023-11-22-a-09.00.35.png?w=1436&amp;ssl=1 1436w, https:\/\/i0.wp.com\/itayachtscanada.com\/wp-content\/uploads\/2023\/11\/Capture-decran-le-2023-11-22-a-09.00.35.png?resize=300%2C225&amp;ssl=1 300w, https:\/\/i0.wp.com\/itayachtscanada.com\/wp-content\/uploads\/2023\/11\/Capture-decran-le-2023-11-22-a-09.00.35.png?resize=1024%2C767&amp;ssl=1 1024w, https:\/\/i0.wp.com\/itayachtscanada.com\/wp-content\/uploads\/2023\/11\/Capture-decran-le-2023-11-22-a-09.00.35.png?resize=768%2C575&amp;ssl=1 768w, https:\/\/i0.wp.com\/itayachtscanada.com\/wp-content\/uploads\/2023\/11\/Capture-decran-le-2023-11-22-a-09.00.35.png?resize=1200%2C899&amp;ssl=1 1200w, https:\/\/i0.wp.com\/itayachtscanada.com\/wp-content\/uploads\/2023\/11\/Capture-decran-le-2023-11-22-a-09.00.35.png?resize=800%2C600&amp;ssl=1 800w, https:\/\/i0.wp.com\/itayachtscanada.com\/wp-content\/uploads\/2023\/11\/Capture-decran-le-2023-11-22-a-09.00.35.png?resize=600%2C450&amp;ssl=1 600w, https:\/\/i0.wp.com\/itayachtscanada.com\/wp-content\/uploads\/2023\/11\/Capture-decran-le-2023-11-22-a-09.00.35.png?resize=400%2C300&amp;ssl=1 400w, https:\/\/i0.wp.com\/itayachtscanada.com\/wp-content\/uploads\/2023\/11\/Capture-decran-le-2023-11-22-a-09.00.35.png?resize=200%2C150&amp;ssl=1 200w, https:\/\/i0.wp.com\/itayachtscanada.com\/wp-content\/uploads\/2023\/11\/Capture-decran-le-2023-11-22-a-09.00.35.png?resize=700%2C525&amp;ssl=1 700w, https:\/\/i0.wp.com\/itayachtscanada.com\/wp-content\/uploads\/2023\/11\/Capture-decran-le-2023-11-22-a-09.00.35.png?resize=534%2C400&amp;ssl=1 534w\" width=\"442\" height=\"332\" loading=\"lazy\" data-original-width=\"442\" data-original-height=\"332\" itemprop=\"http:\/\/schema.org\/image\" title=\"Capture d\u2019\u00e9cran, le 2023-11-22 \u00e0 09.00.35\" alt=\"Capture d\u2019\u00e9cran, le 2023-11-22 \u00e0 09.00.35\" style=\"width: 442px; height: 332px;\" \/> <\/a> <\/div> <\/div> <!-- close group --> <div class=\"gallery-group images-1\" style=\"width: 254px; height: 336px;\" data-original-width=\"254\" data-original-height=\"336\" > <div class=\"tiled-gallery-item tiled-gallery-item-large\" itemprop=\"associatedMedia\" itemscope itemtype=\"http:\/\/schema.org\/ImageObject\"> <a href=\"https:\/\/itayachtscanada.com\/fr\/listing\/aicon-66-vivere-2024-3695000-usd-for-sale\/capture-decran-le-2023-11-22-a-09-00-09\/\" border=\"0\" itemprop=\"url\"> <meta itemprop=\"width\" content=\"250\"> <meta itemprop=\"height\" content=\"332\"> <img decoding=\"async\" class=\"\" data-attachment-id=\"142453\" data-orig-file=\"https:\/\/itayachtscanada.com\/wp-content\/uploads\/2023\/11\/Capture-decran-le-2023-11-22-a-09.00.09.png\" data-orig-size=\"810,1076\" data-comments-opened=\"1\" data-image-meta=\"{&quot;aperture&quot;:&quot;0&quot;,&quot;credit&quot;:&quot;&quot;,&quot;camera&quot;:&quot;&quot;,&quot;caption&quot;:&quot;&quot;,&quot;created_timestamp&quot;:&quot;0&quot;,&quot;copyright&quot;:&quot;&quot;,&quot;focal_length&quot;:&quot;0&quot;,&quot;iso&quot;:&quot;0&quot;,&quot;shutter_speed&quot;:&quot;0&quot;,&quot;title&quot;:&quot;&quot;,&quot;orientation&quot;:&quot;0&quot;}\" data-image-title=\"Capture d\u2019\u00e9cran, le 2023-11-22 \u00e0 09.00.09\" data-image-description=\"\" data-medium-file=\"https:\/\/i0.wp.com\/itayachtscanada.com\/wp-content\/uploads\/2023\/11\/Capture-decran-le-2023-11-22-a-09.00.09.png?fit=226%2C300&#038;ssl=1\" data-large-file=\"https:\/\/i0.wp.com\/itayachtscanada.com\/wp-content\/uploads\/2023\/11\/Capture-decran-le-2023-11-22-a-09.00.09.png?fit=700%2C930&#038;ssl=1\" src=\"https:\/\/i0.wp.com\/itayachtscanada.com\/wp-content\/uploads\/2023\/11\/Capture-decran-le-2023-11-22-a-09.00.09.png?w=250&#038;h=332&#038;ssl=1\" srcset=\"https:\/\/i0.wp.com\/itayachtscanada.com\/wp-content\/uploads\/2023\/11\/Capture-decran-le-2023-11-22-a-09.00.09.png?w=810&amp;ssl=1 810w, https:\/\/i0.wp.com\/itayachtscanada.com\/wp-content\/uploads\/2023\/11\/Capture-decran-le-2023-11-22-a-09.00.09.png?resize=226%2C300&amp;ssl=1 226w, https:\/\/i0.wp.com\/itayachtscanada.com\/wp-content\/uploads\/2023\/11\/Capture-decran-le-2023-11-22-a-09.00.09.png?resize=771%2C1024&amp;ssl=1 771w, https:\/\/i0.wp.com\/itayachtscanada.com\/wp-content\/uploads\/2023\/11\/Capture-decran-le-2023-11-22-a-09.00.09.png?resize=768%2C1020&amp;ssl=1 768w, https:\/\/i0.wp.com\/itayachtscanada.com\/wp-content\/uploads\/2023\/11\/Capture-decran-le-2023-11-22-a-09.00.09.png?resize=600%2C800&amp;ssl=1 600w, https:\/\/i0.wp.com\/itayachtscanada.com\/wp-content\/uploads\/2023\/11\/Capture-decran-le-2023-11-22-a-09.00.09.png?resize=450%2C600&amp;ssl=1 450w, https:\/\/i0.wp.com\/itayachtscanada.com\/wp-content\/uploads\/2023\/11\/Capture-decran-le-2023-11-22-a-09.00.09.png?resize=300%2C400&amp;ssl=1 300w, https:\/\/i0.wp.com\/itayachtscanada.com\/wp-content\/uploads\/2023\/11\/Capture-decran-le-2023-11-22-a-09.00.09.png?resize=150%2C200&amp;ssl=1 150w, https:\/\/i0.wp.com\/itayachtscanada.com\/wp-content\/uploads\/2023\/11\/Capture-decran-le-2023-11-22-a-09.00.09.png?resize=700%2C930&amp;ssl=1 700w, https:\/\/i0.wp.com\/itayachtscanada.com\/wp-content\/uploads\/2023\/11\/Capture-decran-le-2023-11-22-a-09.00.09.png?resize=301%2C400&amp;ssl=1 301w\" width=\"250\" height=\"332\" loading=\"lazy\" data-original-width=\"250\" data-original-height=\"332\" itemprop=\"http:\/\/schema.org\/image\" title=\"Capture d\u2019\u00e9cran, le 2023-11-22 \u00e0 09.00.09\" alt=\"Capture d\u2019\u00e9cran, le 2023-11-22 \u00e0 09.00.09\" style=\"width: 250px; height: 332px;\" \/> <\/a> <\/div> <\/div> <!-- close group --> <\/div> <!-- close row --> <div class=\"gallery-row\" style=\"width: 700px; height: 231px;\" data-original-width=\"700\" data-original-height=\"231\" > <div class=\"gallery-group images-1\" style=\"width: 175px; height: 231px;\" data-original-width=\"175\" data-original-height=\"231\" > <div class=\"tiled-gallery-item tiled-gallery-item-small\" itemprop=\"associatedMedia\" itemscope itemtype=\"http:\/\/schema.org\/ImageObject\"> <a href=\"https:\/\/itayachtscanada.com\/fr\/listing\/aicon-66-vivere-2024-3695000-usd-for-sale\/capture-decran-le-2023-11-22-a-09-00-04\/\" border=\"0\" itemprop=\"url\"> <meta itemprop=\"width\" content=\"171\"> <meta itemprop=\"height\" content=\"227\"> <img decoding=\"async\" class=\"\" data-attachment-id=\"142454\" data-orig-file=\"https:\/\/itayachtscanada.com\/wp-content\/uploads\/2023\/11\/Capture-decran-le-2023-11-22-a-09.00.04.png\" data-orig-size=\"810,1076\" data-comments-opened=\"1\" data-image-meta=\"{&quot;aperture&quot;:&quot;0&quot;,&quot;credit&quot;:&quot;&quot;,&quot;camera&quot;:&quot;&quot;,&quot;caption&quot;:&quot;&quot;,&quot;created_timestamp&quot;:&quot;0&quot;,&quot;copyright&quot;:&quot;&quot;,&quot;focal_length&quot;:&quot;0&quot;,&quot;iso&quot;:&quot;0&quot;,&quot;shutter_speed&quot;:&quot;0&quot;,&quot;title&quot;:&quot;&quot;,&quot;orientation&quot;:&quot;0&quot;}\" data-image-title=\"Capture d\u2019\u00e9cran, le 2023-11-22 \u00e0 09.00.04\" data-image-description=\"\" data-medium-file=\"https:\/\/i0.wp.com\/itayachtscanada.com\/wp-content\/uploads\/2023\/11\/Capture-decran-le-2023-11-22-a-09.00.04.png?fit=226%2C300&#038;ssl=1\" data-large-file=\"https:\/\/i0.wp.com\/itayachtscanada.com\/wp-content\/uploads\/2023\/11\/Capture-decran-le-2023-11-22-a-09.00.04.png?fit=700%2C930&#038;ssl=1\" src=\"https:\/\/i0.wp.com\/itayachtscanada.com\/wp-content\/uploads\/2023\/11\/Capture-decran-le-2023-11-22-a-09.00.04.png?w=171&#038;h=227&#038;ssl=1\" srcset=\"https:\/\/i0.wp.com\/itayachtscanada.com\/wp-content\/uploads\/2023\/11\/Capture-decran-le-2023-11-22-a-09.00.04.png?w=810&amp;ssl=1 810w, https:\/\/i0.wp.com\/itayachtscanada.com\/wp-content\/uploads\/2023\/11\/Capture-decran-le-2023-11-22-a-09.00.04.png?resize=226%2C300&amp;ssl=1 226w, https:\/\/i0.wp.com\/itayachtscanada.com\/wp-content\/uploads\/2023\/11\/Capture-decran-le-2023-11-22-a-09.00.04.png?resize=771%2C1024&amp;ssl=1 771w, https:\/\/i0.wp.com\/itayachtscanada.com\/wp-content\/uploads\/2023\/11\/Capture-decran-le-2023-11-22-a-09.00.04.png?resize=768%2C1020&amp;ssl=1 768w, https:\/\/i0.wp.com\/itayachtscanada.com\/wp-content\/uploads\/2023\/11\/Capture-decran-le-2023-11-22-a-09.00.04.png?resize=600%2C800&amp;ssl=1 600w, https:\/\/i0.wp.com\/itayachtscanada.com\/wp-content\/uploads\/2023\/11\/Capture-decran-le-2023-11-22-a-09.00.04.png?resize=450%2C600&amp;ssl=1 450w, https:\/\/i0.wp.com\/itayachtscanada.com\/wp-content\/uploads\/2023\/11\/Capture-decran-le-2023-11-22-a-09.00.04.png?resize=300%2C400&amp;ssl=1 300w, https:\/\/i0.wp.com\/itayachtscanada.com\/wp-content\/uploads\/2023\/11\/Capture-decran-le-2023-11-22-a-09.00.04.png?resize=150%2C200&amp;ssl=1 150w, https:\/\/i0.wp.com\/itayachtscanada.com\/wp-content\/uploads\/2023\/11\/Capture-decran-le-2023-11-22-a-09.00.04.png?resize=700%2C930&amp;ssl=1 700w, https:\/\/i0.wp.com\/itayachtscanada.com\/wp-content\/uploads\/2023\/11\/Capture-decran-le-2023-11-22-a-09.00.04.png?resize=301%2C400&amp;ssl=1 301w\" width=\"171\" height=\"227\" loading=\"lazy\" data-original-width=\"171\" data-original-height=\"227\" itemprop=\"http:\/\/schema.org\/image\" title=\"Capture d\u2019\u00e9cran, le 2023-11-22 \u00e0 09.00.04\" alt=\"Capture d\u2019\u00e9cran, le 2023-11-22 \u00e0 09.00.04\" style=\"width: 171px; height: 227px;\" \/> <\/a> <\/div> <\/div> <!-- close group --> <div class=\"gallery-group images-1\" style=\"width: 175px; height: 231px;\" data-original-width=\"175\" data-original-height=\"231\" > <div class=\"tiled-gallery-item tiled-gallery-item-small\" itemprop=\"associatedMedia\" itemscope itemtype=\"http:\/\/schema.org\/ImageObject\"> <a href=\"https:\/\/itayachtscanada.com\/fr\/listing\/aicon-66-vivere-2024-3695000-usd-for-sale\/capture-decran-le-2023-11-22-a-08-59-59\/\" border=\"0\" itemprop=\"url\"> <meta itemprop=\"width\" content=\"171\"> <meta itemprop=\"height\" content=\"227\"> <img decoding=\"async\" class=\"\" data-attachment-id=\"142455\" data-orig-file=\"https:\/\/itayachtscanada.com\/wp-content\/uploads\/2023\/11\/Capture-decran-le-2023-11-22-a-08.59.59.png\" data-orig-size=\"810,1076\" data-comments-opened=\"1\" data-image-meta=\"{&quot;aperture&quot;:&quot;0&quot;,&quot;credit&quot;:&quot;&quot;,&quot;camera&quot;:&quot;&quot;,&quot;caption&quot;:&quot;&quot;,&quot;created_timestamp&quot;:&quot;0&quot;,&quot;copyright&quot;:&quot;&quot;,&quot;focal_length&quot;:&quot;0&quot;,&quot;iso&quot;:&quot;0&quot;,&quot;shutter_speed&quot;:&quot;0&quot;,&quot;title&quot;:&quot;&quot;,&quot;orientation&quot;:&quot;0&quot;}\" data-image-title=\"Capture d\u2019\u00e9cran, le 2023-11-22 \u00e0 08.59.59\" data-image-description=\"\" data-medium-file=\"https:\/\/i0.wp.com\/itayachtscanada.com\/wp-content\/uploads\/2023\/11\/Capture-decran-le-2023-11-22-a-08.59.59.png?fit=226%2C300&#038;ssl=1\" data-large-file=\"https:\/\/i0.wp.com\/itayachtscanada.com\/wp-content\/uploads\/2023\/11\/Capture-decran-le-2023-11-22-a-08.59.59.png?fit=700%2C930&#038;ssl=1\" src=\"https:\/\/i0.wp.com\/itayachtscanada.com\/wp-content\/uploads\/2023\/11\/Capture-decran-le-2023-11-22-a-08.59.59.png?w=171&#038;h=227&#038;ssl=1\" srcset=\"https:\/\/i0.wp.com\/itayachtscanada.com\/wp-content\/uploads\/2023\/11\/Capture-decran-le-2023-11-22-a-08.59.59.png?w=810&amp;ssl=1 810w, https:\/\/i0.wp.com\/itayachtscanada.com\/wp-content\/uploads\/2023\/11\/Capture-decran-le-2023-11-22-a-08.59.59.png?resize=226%2C300&amp;ssl=1 226w, https:\/\/i0.wp.com\/itayachtscanada.com\/wp-content\/uploads\/2023\/11\/Capture-decran-le-2023-11-22-a-08.59.59.png?resize=771%2C1024&amp;ssl=1 771w, https:\/\/i0.wp.com\/itayachtscanada.com\/wp-content\/uploads\/2023\/11\/Capture-decran-le-2023-11-22-a-08.59.59.png?resize=768%2C1020&amp;ssl=1 768w, https:\/\/i0.wp.com\/itayachtscanada.com\/wp-content\/uploads\/2023\/11\/Capture-decran-le-2023-11-22-a-08.59.59.png?resize=600%2C800&amp;ssl=1 600w, https:\/\/i0.wp.com\/itayachtscanada.com\/wp-content\/uploads\/2023\/11\/Capture-decran-le-2023-11-22-a-08.59.59.png?resize=450%2C600&amp;ssl=1 450w, https:\/\/i0.wp.com\/itayachtscanada.com\/wp-content\/uploads\/2023\/11\/Capture-decran-le-2023-11-22-a-08.59.59.png?resize=300%2C400&amp;ssl=1 300w, https:\/\/i0.wp.com\/itayachtscanada.com\/wp-content\/uploads\/2023\/11\/Capture-decran-le-2023-11-22-a-08.59.59.png?resize=150%2C200&amp;ssl=1 150w, https:\/\/i0.wp.com\/itayachtscanada.com\/wp-content\/uploads\/2023\/11\/Capture-decran-le-2023-11-22-a-08.59.59.png?resize=700%2C930&amp;ssl=1 700w, https:\/\/i0.wp.com\/itayachtscanada.com\/wp-content\/uploads\/2023\/11\/Capture-decran-le-2023-11-22-a-08.59.59.png?resize=301%2C400&amp;ssl=1 301w\" width=\"171\" height=\"227\" loading=\"lazy\" data-original-width=\"171\" data-original-height=\"227\" itemprop=\"http:\/\/schema.org\/image\" title=\"Capture d\u2019\u00e9cran, le 2023-11-22 \u00e0 08.59.59\" alt=\"Capture d\u2019\u00e9cran, le 2023-11-22 \u00e0 08.59.59\" style=\"width: 171px; height: 227px;\" \/> <\/a> <\/div> <\/div> <!-- close group --> <div class=\"gallery-group images-1\" style=\"width: 175px; height: 231px;\" data-original-width=\"175\" data-original-height=\"231\" > <div class=\"tiled-gallery-item tiled-gallery-item-small\" itemprop=\"associatedMedia\" itemscope itemtype=\"http:\/\/schema.org\/ImageObject\"> <a href=\"https:\/\/itayachtscanada.com\/fr\/listing\/aicon-66-vivere-2024-3695000-usd-for-sale\/capture-decran-le-2023-11-22-a-08-59-54\/\" border=\"0\" itemprop=\"url\"> <meta itemprop=\"width\" content=\"171\"> <meta itemprop=\"height\" content=\"227\"> <img decoding=\"async\" class=\"\" data-attachment-id=\"142456\" data-orig-file=\"https:\/\/itayachtscanada.com\/wp-content\/uploads\/2023\/11\/Capture-decran-le-2023-11-22-a-08.59.54.png\" data-orig-size=\"810,1076\" data-comments-opened=\"1\" data-image-meta=\"{&quot;aperture&quot;:&quot;0&quot;,&quot;credit&quot;:&quot;&quot;,&quot;camera&quot;:&quot;&quot;,&quot;caption&quot;:&quot;&quot;,&quot;created_timestamp&quot;:&quot;0&quot;,&quot;copyright&quot;:&quot;&quot;,&quot;focal_length&quot;:&quot;0&quot;,&quot;iso&quot;:&quot;0&quot;,&quot;shutter_speed&quot;:&quot;0&quot;,&quot;title&quot;:&quot;&quot;,&quot;orientation&quot;:&quot;0&quot;}\" data-image-title=\"Capture d\u2019\u00e9cran, le 2023-11-22 \u00e0 08.59.54\" data-image-description=\"\" data-medium-file=\"https:\/\/i0.wp.com\/itayachtscanada.com\/wp-content\/uploads\/2023\/11\/Capture-decran-le-2023-11-22-a-08.59.54.png?fit=226%2C300&#038;ssl=1\" data-large-file=\"https:\/\/i0.wp.com\/itayachtscanada.com\/wp-content\/uploads\/2023\/11\/Capture-decran-le-2023-11-22-a-08.59.54.png?fit=700%2C930&#038;ssl=1\" src=\"https:\/\/i0.wp.com\/itayachtscanada.com\/wp-content\/uploads\/2023\/11\/Capture-decran-le-2023-11-22-a-08.59.54.png?w=171&#038;h=227&#038;ssl=1\" srcset=\"https:\/\/i0.wp.com\/itayachtscanada.com\/wp-content\/uploads\/2023\/11\/Capture-decran-le-2023-11-22-a-08.59.54.png?w=810&amp;ssl=1 810w, https:\/\/i0.wp.com\/itayachtscanada.com\/wp-content\/uploads\/2023\/11\/Capture-decran-le-2023-11-22-a-08.59.54.png?resize=226%2C300&amp;ssl=1 226w, https:\/\/i0.wp.com\/itayachtscanada.com\/wp-content\/uploads\/2023\/11\/Capture-decran-le-2023-11-22-a-08.59.54.png?resize=771%2C1024&amp;ssl=1 771w, https:\/\/i0.wp.com\/itayachtscanada.com\/wp-content\/uploads\/2023\/11\/Capture-decran-le-2023-11-22-a-08.59.54.png?resize=768%2C1020&amp;ssl=1 768w, https:\/\/i0.wp.com\/itayachtscanada.com\/wp-content\/uploads\/2023\/11\/Capture-decran-le-2023-11-22-a-08.59.54.png?resize=600%2C800&amp;ssl=1 600w, https:\/\/i0.wp.com\/itayachtscanada.com\/wp-content\/uploads\/2023\/11\/Capture-decran-le-2023-11-22-a-08.59.54.png?resize=450%2C600&amp;ssl=1 450w, https:\/\/i0.wp.com\/itayachtscanada.com\/wp-content\/uploads\/2023\/11\/Capture-decran-le-2023-11-22-a-08.59.54.png?resize=300%2C400&amp;ssl=1 300w, https:\/\/i0.wp.com\/itayachtscanada.com\/wp-content\/uploads\/2023\/11\/Capture-decran-le-2023-11-22-a-08.59.54.png?resize=150%2C200&amp;ssl=1 150w, https:\/\/i0.wp.com\/itayachtscanada.com\/wp-content\/uploads\/2023\/11\/Capture-decran-le-2023-11-22-a-08.59.54.png?resize=700%2C930&amp;ssl=1 700w, https:\/\/i0.wp.com\/itayachtscanada.com\/wp-content\/uploads\/2023\/11\/Capture-decran-le-2023-11-22-a-08.59.54.png?resize=301%2C400&amp;ssl=1 301w\" width=\"171\" height=\"227\" loading=\"lazy\" data-original-width=\"171\" data-original-height=\"227\" itemprop=\"http:\/\/schema.org\/image\" title=\"Capture d\u2019\u00e9cran, le 2023-11-22 \u00e0 08.59.54\" alt=\"Capture d\u2019\u00e9cran, le 2023-11-22 \u00e0 08.59.54\" style=\"width: 171px; height: 227px;\" \/> <\/a> <\/div> <\/div> <!-- close group --> <div class=\"gallery-group images-1\" style=\"width: 175px; height: 231px;\" data-original-width=\"175\" data-original-height=\"231\" > <div class=\"tiled-gallery-item tiled-gallery-item-small\" itemprop=\"associatedMedia\" itemscope itemtype=\"http:\/\/schema.org\/ImageObject\"> <a href=\"https:\/\/itayachtscanada.com\/fr\/listing\/aicon-66-vivere-2024-3695000-usd-for-sale\/capture-decran-le-2023-11-22-a-08-59-50\/\" border=\"0\" itemprop=\"url\"> <meta itemprop=\"width\" content=\"171\"> <meta itemprop=\"height\" content=\"227\"> <img decoding=\"async\" class=\"\" data-attachment-id=\"142457\" data-orig-file=\"https:\/\/itayachtscanada.com\/wp-content\/uploads\/2023\/11\/Capture-decran-le-2023-11-22-a-08.59.50.png\" data-orig-size=\"810,1076\" data-comments-opened=\"1\" data-image-meta=\"{&quot;aperture&quot;:&quot;0&quot;,&quot;credit&quot;:&quot;&quot;,&quot;camera&quot;:&quot;&quot;,&quot;caption&quot;:&quot;&quot;,&quot;created_timestamp&quot;:&quot;0&quot;,&quot;copyright&quot;:&quot;&quot;,&quot;focal_length&quot;:&quot;0&quot;,&quot;iso&quot;:&quot;0&quot;,&quot;shutter_speed&quot;:&quot;0&quot;,&quot;title&quot;:&quot;&quot;,&quot;orientation&quot;:&quot;0&quot;}\" data-image-title=\"Capture d\u2019\u00e9cran, le 2023-11-22 \u00e0 08.59.50\" data-image-description=\"\" data-medium-file=\"https:\/\/i0.wp.com\/itayachtscanada.com\/wp-content\/uploads\/2023\/11\/Capture-decran-le-2023-11-22-a-08.59.50.png?fit=226%2C300&#038;ssl=1\" data-large-file=\"https:\/\/i0.wp.com\/itayachtscanada.com\/wp-content\/uploads\/2023\/11\/Capture-decran-le-2023-11-22-a-08.59.50.png?fit=700%2C930&#038;ssl=1\" src=\"https:\/\/i0.wp.com\/itayachtscanada.com\/wp-content\/uploads\/2023\/11\/Capture-decran-le-2023-11-22-a-08.59.50.png?w=171&#038;h=227&#038;ssl=1\" srcset=\"https:\/\/i0.wp.com\/itayachtscanada.com\/wp-content\/uploads\/2023\/11\/Capture-decran-le-2023-11-22-a-08.59.50.png?w=810&amp;ssl=1 810w, https:\/\/i0.wp.com\/itayachtscanada.com\/wp-content\/uploads\/2023\/11\/Capture-decran-le-2023-11-22-a-08.59.50.png?resize=226%2C300&amp;ssl=1 226w, https:\/\/i0.wp.com\/itayachtscanada.com\/wp-content\/uploads\/2023\/11\/Capture-decran-le-2023-11-22-a-08.59.50.png?resize=771%2C1024&amp;ssl=1 771w, https:\/\/i0.wp.com\/itayachtscanada.com\/wp-content\/uploads\/2023\/11\/Capture-decran-le-2023-11-22-a-08.59.50.png?resize=768%2C1020&amp;ssl=1 768w, https:\/\/i0.wp.com\/itayachtscanada.com\/wp-content\/uploads\/2023\/11\/Capture-decran-le-2023-11-22-a-08.59.50.png?resize=600%2C800&amp;ssl=1 600w, https:\/\/i0.wp.com\/itayachtscanada.com\/wp-content\/uploads\/2023\/11\/Capture-decran-le-2023-11-22-a-08.59.50.png?resize=450%2C600&amp;ssl=1 450w, https:\/\/i0.wp.com\/itayachtscanada.com\/wp-content\/uploads\/2023\/11\/Capture-decran-le-2023-11-22-a-08.59.50.png?resize=300%2C400&amp;ssl=1 300w, https:\/\/i0.wp.com\/itayachtscanada.com\/wp-content\/uploads\/2023\/11\/Capture-decran-le-2023-11-22-a-08.59.50.png?resize=150%2C200&amp;ssl=1 150w, https:\/\/i0.wp.com\/itayachtscanada.com\/wp-content\/uploads\/2023\/11\/Capture-decran-le-2023-11-22-a-08.59.50.png?resize=700%2C930&amp;ssl=1 700w, https:\/\/i0.wp.com\/itayachtscanada.com\/wp-content\/uploads\/2023\/11\/Capture-decran-le-2023-11-22-a-08.59.50.png?resize=301%2C400&amp;ssl=1 301w\" width=\"171\" height=\"227\" loading=\"lazy\" data-original-width=\"171\" data-original-height=\"227\" itemprop=\"http:\/\/schema.org\/image\" title=\"Capture d\u2019\u00e9cran, le 2023-11-22 \u00e0 08.59.50\" alt=\"Capture d\u2019\u00e9cran, le 2023-11-22 \u00e0 08.59.50\" style=\"width: 171px; height: 227px;\" \/> <\/a> <\/div> <\/div> <!-- close group --> <\/div> <!-- close row --> <div class=\"gallery-row\" style=\"width: 700px; height: 585px;\" data-original-width=\"700\" data-original-height=\"585\" > <div class=\"gallery-group images-1\" style=\"width: 441px; height: 585px;\" data-original-width=\"441\" data-original-height=\"585\" > <div class=\"tiled-gallery-item tiled-gallery-item-large\" itemprop=\"associatedMedia\" itemscope itemtype=\"http:\/\/schema.org\/ImageObject\"> <a href=\"https:\/\/itayachtscanada.com\/fr\/listing\/aicon-66-vivere-2024-3695000-usd-for-sale\/capture-decran-le-2023-11-22-a-08-59-41\/\" border=\"0\" itemprop=\"url\"> <meta itemprop=\"width\" content=\"437\"> <meta itemprop=\"height\" content=\"581\"> <img decoding=\"async\" class=\"\" data-attachment-id=\"142458\" data-orig-file=\"https:\/\/itayachtscanada.com\/wp-content\/uploads\/2023\/11\/Capture-decran-le-2023-11-22-a-08.59.41.png\" data-orig-size=\"810,1076\" data-comments-opened=\"1\" data-image-meta=\"{&quot;aperture&quot;:&quot;0&quot;,&quot;credit&quot;:&quot;&quot;,&quot;camera&quot;:&quot;&quot;,&quot;caption&quot;:&quot;&quot;,&quot;created_timestamp&quot;:&quot;0&quot;,&quot;copyright&quot;:&quot;&quot;,&quot;focal_length&quot;:&quot;0&quot;,&quot;iso&quot;:&quot;0&quot;,&quot;shutter_speed&quot;:&quot;0&quot;,&quot;title&quot;:&quot;&quot;,&quot;orientation&quot;:&quot;0&quot;}\" data-image-title=\"Capture d\u2019\u00e9cran, le 2023-11-22 \u00e0 08.59.41\" data-image-description=\"\" data-medium-file=\"https:\/\/i0.wp.com\/itayachtscanada.com\/wp-content\/uploads\/2023\/11\/Capture-decran-le-2023-11-22-a-08.59.41.png?fit=226%2C300&#038;ssl=1\" data-large-file=\"https:\/\/i0.wp.com\/itayachtscanada.com\/wp-content\/uploads\/2023\/11\/Capture-decran-le-2023-11-22-a-08.59.41.png?fit=700%2C930&#038;ssl=1\" src=\"https:\/\/i0.wp.com\/itayachtscanada.com\/wp-content\/uploads\/2023\/11\/Capture-decran-le-2023-11-22-a-08.59.41.png?w=437&#038;h=581&#038;ssl=1\" srcset=\"https:\/\/i0.wp.com\/itayachtscanada.com\/wp-content\/uploads\/2023\/11\/Capture-decran-le-2023-11-22-a-08.59.41.png?w=810&amp;ssl=1 810w, https:\/\/i0.wp.com\/itayachtscanada.com\/wp-content\/uploads\/2023\/11\/Capture-decran-le-2023-11-22-a-08.59.41.png?resize=226%2C300&amp;ssl=1 226w, https:\/\/i0.wp.com\/itayachtscanada.com\/wp-content\/uploads\/2023\/11\/Capture-decran-le-2023-11-22-a-08.59.41.png?resize=771%2C1024&amp;ssl=1 771w, https:\/\/i0.wp.com\/itayachtscanada.com\/wp-content\/uploads\/2023\/11\/Capture-decran-le-2023-11-22-a-08.59.41.png?resize=768%2C1020&amp;ssl=1 768w, https:\/\/i0.wp.com\/itayachtscanada.com\/wp-content\/uploads\/2023\/11\/Capture-decran-le-2023-11-22-a-08.59.41.png?resize=300%2C400&amp;ssl=1 300w, https:\/\/i0.wp.com\/itayachtscanada.com\/wp-content\/uploads\/2023\/11\/Capture-decran-le-2023-11-22-a-08.59.41.png?resize=150%2C200&amp;ssl=1 150w, https:\/\/i0.wp.com\/itayachtscanada.com\/wp-content\/uploads\/2023\/11\/Capture-decran-le-2023-11-22-a-08.59.41.png?resize=700%2C930&amp;ssl=1 700w, https:\/\/i0.wp.com\/itayachtscanada.com\/wp-content\/uploads\/2023\/11\/Capture-decran-le-2023-11-22-a-08.59.41.png?resize=301%2C400&amp;ssl=1 301w\" width=\"437\" height=\"581\" loading=\"lazy\" data-original-width=\"437\" data-original-height=\"581\" itemprop=\"http:\/\/schema.org\/image\" title=\"Capture d\u2019\u00e9cran, le 2023-11-22 \u00e0 08.59.41\" alt=\"Capture d\u2019\u00e9cran, le 2023-11-22 \u00e0 08.59.41\" style=\"width: 437px; height: 581px;\" \/> <\/a> <\/div> <\/div> <!-- close group --> <div class=\"gallery-group images-3\" style=\"width: 259px; height: 585px;\" data-original-width=\"259\" data-original-height=\"585\" > <div class=\"tiled-gallery-item tiled-gallery-item-large\" itemprop=\"associatedMedia\" itemscope itemtype=\"http:\/\/schema.org\/ImageObject\"> <a href=\"https:\/\/itayachtscanada.com\/fr\/listing\/aicon-66-vivere-2024-3695000-usd-for-sale\/capture-decran-le-2023-11-22-a-08-59-33\/\" border=\"0\" itemprop=\"url\"> <meta itemprop=\"width\" content=\"255\"> <meta itemprop=\"height\" content=\"191\"> <img decoding=\"async\" class=\"\" data-attachment-id=\"142459\" data-orig-file=\"https:\/\/itayachtscanada.com\/wp-content\/uploads\/2023\/11\/Capture-decran-le-2023-11-22-a-08.59.33.png\" data-orig-size=\"1436,1076\" data-comments-opened=\"1\" data-image-meta=\"{&quot;aperture&quot;:&quot;0&quot;,&quot;credit&quot;:&quot;&quot;,&quot;camera&quot;:&quot;&quot;,&quot;caption&quot;:&quot;&quot;,&quot;created_timestamp&quot;:&quot;0&quot;,&quot;copyright&quot;:&quot;&quot;,&quot;focal_length&quot;:&quot;0&quot;,&quot;iso&quot;:&quot;0&quot;,&quot;shutter_speed&quot;:&quot;0&quot;,&quot;title&quot;:&quot;&quot;,&quot;orientation&quot;:&quot;0&quot;}\" data-image-title=\"Capture d\u2019\u00e9cran, le 2023-11-22 \u00e0 08.59.33\" data-image-description=\"\" data-medium-file=\"https:\/\/i0.wp.com\/itayachtscanada.com\/wp-content\/uploads\/2023\/11\/Capture-decran-le-2023-11-22-a-08.59.33.png?fit=300%2C225&#038;ssl=1\" data-large-file=\"https:\/\/i0.wp.com\/itayachtscanada.com\/wp-content\/uploads\/2023\/11\/Capture-decran-le-2023-11-22-a-08.59.33.png?fit=700%2C524&#038;ssl=1\" src=\"https:\/\/i0.wp.com\/itayachtscanada.com\/wp-content\/uploads\/2023\/11\/Capture-decran-le-2023-11-22-a-08.59.33.png?w=255&#038;h=191&#038;ssl=1\" srcset=\"https:\/\/i0.wp.com\/itayachtscanada.com\/wp-content\/uploads\/2023\/11\/Capture-decran-le-2023-11-22-a-08.59.33.png?w=1436&amp;ssl=1 1436w, https:\/\/i0.wp.com\/itayachtscanada.com\/wp-content\/uploads\/2023\/11\/Capture-decran-le-2023-11-22-a-08.59.33.png?resize=300%2C225&amp;ssl=1 300w, https:\/\/i0.wp.com\/itayachtscanada.com\/wp-content\/uploads\/2023\/11\/Capture-decran-le-2023-11-22-a-08.59.33.png?resize=1024%2C767&amp;ssl=1 1024w, https:\/\/i0.wp.com\/itayachtscanada.com\/wp-content\/uploads\/2023\/11\/Capture-decran-le-2023-11-22-a-08.59.33.png?resize=768%2C575&amp;ssl=1 768w, https:\/\/i0.wp.com\/itayachtscanada.com\/wp-content\/uploads\/2023\/11\/Capture-decran-le-2023-11-22-a-08.59.33.png?resize=1200%2C899&amp;ssl=1 1200w, https:\/\/i0.wp.com\/itayachtscanada.com\/wp-content\/uploads\/2023\/11\/Capture-decran-le-2023-11-22-a-08.59.33.png?resize=800%2C600&amp;ssl=1 800w, https:\/\/i0.wp.com\/itayachtscanada.com\/wp-content\/uploads\/2023\/11\/Capture-decran-le-2023-11-22-a-08.59.33.png?resize=600%2C450&amp;ssl=1 600w, https:\/\/i0.wp.com\/itayachtscanada.com\/wp-content\/uploads\/2023\/11\/Capture-decran-le-2023-11-22-a-08.59.33.png?resize=400%2C300&amp;ssl=1 400w, https:\/\/i0.wp.com\/itayachtscanada.com\/wp-content\/uploads\/2023\/11\/Capture-decran-le-2023-11-22-a-08.59.33.png?resize=200%2C150&amp;ssl=1 200w, https:\/\/i0.wp.com\/itayachtscanada.com\/wp-content\/uploads\/2023\/11\/Capture-decran-le-2023-11-22-a-08.59.33.png?resize=700%2C525&amp;ssl=1 700w, https:\/\/i0.wp.com\/itayachtscanada.com\/wp-content\/uploads\/2023\/11\/Capture-decran-le-2023-11-22-a-08.59.33.png?resize=534%2C400&amp;ssl=1 534w\" width=\"255\" height=\"191\" loading=\"lazy\" data-original-width=\"255\" data-original-height=\"191\" itemprop=\"http:\/\/schema.org\/image\" title=\"Capture d\u2019\u00e9cran, le 2023-11-22 \u00e0 08.59.33\" alt=\"Capture d\u2019\u00e9cran, le 2023-11-22 \u00e0 08.59.33\" style=\"width: 255px; height: 191px;\" \/> <\/a> <\/div> <div class=\"tiled-gallery-item tiled-gallery-item-large\" itemprop=\"associatedMedia\" itemscope itemtype=\"http:\/\/schema.org\/ImageObject\"> <a href=\"https:\/\/itayachtscanada.com\/fr\/listing\/aicon-66-vivere-2024-3695000-usd-for-sale\/capture-decran-le-2023-11-22-a-08-59-29\/\" border=\"0\" itemprop=\"url\"> <meta itemprop=\"width\" content=\"255\"> <meta itemprop=\"height\" content=\"191\"> <img decoding=\"async\" class=\"\" data-attachment-id=\"142460\" data-orig-file=\"https:\/\/itayachtscanada.com\/wp-content\/uploads\/2023\/11\/Capture-decran-le-2023-11-22-a-08.59.29.png\" data-orig-size=\"1436,1076\" data-comments-opened=\"1\" data-image-meta=\"{&quot;aperture&quot;:&quot;0&quot;,&quot;credit&quot;:&quot;&quot;,&quot;camera&quot;:&quot;&quot;,&quot;caption&quot;:&quot;&quot;,&quot;created_timestamp&quot;:&quot;0&quot;,&quot;copyright&quot;:&quot;&quot;,&quot;focal_length&quot;:&quot;0&quot;,&quot;iso&quot;:&quot;0&quot;,&quot;shutter_speed&quot;:&quot;0&quot;,&quot;title&quot;:&quot;&quot;,&quot;orientation&quot;:&quot;0&quot;}\" data-image-title=\"Capture d\u2019\u00e9cran, le 2023-11-22 \u00e0 08.59.29\" data-image-description=\"\" data-medium-file=\"https:\/\/i0.wp.com\/itayachtscanada.com\/wp-content\/uploads\/2023\/11\/Capture-decran-le-2023-11-22-a-08.59.29.png?fit=300%2C225&#038;ssl=1\" data-large-file=\"https:\/\/i0.wp.com\/itayachtscanada.com\/wp-content\/uploads\/2023\/11\/Capture-decran-le-2023-11-22-a-08.59.29.png?fit=700%2C524&#038;ssl=1\" src=\"https:\/\/i0.wp.com\/itayachtscanada.com\/wp-content\/uploads\/2023\/11\/Capture-decran-le-2023-11-22-a-08.59.29.png?w=255&#038;h=191&#038;ssl=1\" srcset=\"https:\/\/i0.wp.com\/itayachtscanada.com\/wp-content\/uploads\/2023\/11\/Capture-decran-le-2023-11-22-a-08.59.29.png?w=1436&amp;ssl=1 1436w, https:\/\/i0.wp.com\/itayachtscanada.com\/wp-content\/uploads\/2023\/11\/Capture-decran-le-2023-11-22-a-08.59.29.png?resize=300%2C225&amp;ssl=1 300w, https:\/\/i0.wp.com\/itayachtscanada.com\/wp-content\/uploads\/2023\/11\/Capture-decran-le-2023-11-22-a-08.59.29.png?resize=1024%2C767&amp;ssl=1 1024w, https:\/\/i0.wp.com\/itayachtscanada.com\/wp-content\/uploads\/2023\/11\/Capture-decran-le-2023-11-22-a-08.59.29.png?resize=768%2C575&amp;ssl=1 768w, https:\/\/i0.wp.com\/itayachtscanada.com\/wp-content\/uploads\/2023\/11\/Capture-decran-le-2023-11-22-a-08.59.29.png?resize=1200%2C899&amp;ssl=1 1200w, https:\/\/i0.wp.com\/itayachtscanada.com\/wp-content\/uploads\/2023\/11\/Capture-decran-le-2023-11-22-a-08.59.29.png?resize=800%2C600&amp;ssl=1 800w, https:\/\/i0.wp.com\/itayachtscanada.com\/wp-content\/uploads\/2023\/11\/Capture-decran-le-2023-11-22-a-08.59.29.png?resize=600%2C450&amp;ssl=1 600w, https:\/\/i0.wp.com\/itayachtscanada.com\/wp-content\/uploads\/2023\/11\/Capture-decran-le-2023-11-22-a-08.59.29.png?resize=400%2C300&amp;ssl=1 400w, https:\/\/i0.wp.com\/itayachtscanada.com\/wp-content\/uploads\/2023\/11\/Capture-decran-le-2023-11-22-a-08.59.29.png?resize=200%2C150&amp;ssl=1 200w, https:\/\/i0.wp.com\/itayachtscanada.com\/wp-content\/uploads\/2023\/11\/Capture-decran-le-2023-11-22-a-08.59.29.png?resize=700%2C525&amp;ssl=1 700w, https:\/\/i0.wp.com\/itayachtscanada.com\/wp-content\/uploads\/2023\/11\/Capture-decran-le-2023-11-22-a-08.59.29.png?resize=534%2C400&amp;ssl=1 534w\" width=\"255\" height=\"191\" loading=\"lazy\" data-original-width=\"255\" data-original-height=\"191\" itemprop=\"http:\/\/schema.org\/image\" title=\"Capture d\u2019\u00e9cran, le 2023-11-22 \u00e0 08.59.29\" alt=\"Capture d\u2019\u00e9cran, le 2023-11-22 \u00e0 08.59.29\" style=\"width: 255px; height: 191px;\" \/> <\/a> <\/div> <div class=\"tiled-gallery-item tiled-gallery-item-large\" itemprop=\"associatedMedia\" itemscope itemtype=\"http:\/\/schema.org\/ImageObject\"> <a href=\"https:\/\/itayachtscanada.com\/fr\/listing\/aicon-66-vivere-2024-3695000-usd-for-sale\/capture-decran-le-2023-11-22-a-08-59-25\/\" border=\"0\" itemprop=\"url\"> <meta itemprop=\"width\" content=\"255\"> <meta itemprop=\"height\" content=\"191\"> <img decoding=\"async\" class=\"\" data-attachment-id=\"142461\" data-orig-file=\"https:\/\/itayachtscanada.com\/wp-content\/uploads\/2023\/11\/Capture-decran-le-2023-11-22-a-08.59.25.png\" data-orig-size=\"1436,1076\" data-comments-opened=\"1\" data-image-meta=\"{&quot;aperture&quot;:&quot;0&quot;,&quot;credit&quot;:&quot;&quot;,&quot;camera&quot;:&quot;&quot;,&quot;caption&quot;:&quot;&quot;,&quot;created_timestamp&quot;:&quot;0&quot;,&quot;copyright&quot;:&quot;&quot;,&quot;focal_length&quot;:&quot;0&quot;,&quot;iso&quot;:&quot;0&quot;,&quot;shutter_speed&quot;:&quot;0&quot;,&quot;title&quot;:&quot;&quot;,&quot;orientation&quot;:&quot;0&quot;}\" data-image-title=\"Capture d\u2019\u00e9cran, le 2023-11-22 \u00e0 08.59.25\" data-image-description=\"\" data-medium-file=\"https:\/\/i0.wp.com\/itayachtscanada.com\/wp-content\/uploads\/2023\/11\/Capture-decran-le-2023-11-22-a-08.59.25.png?fit=300%2C225&#038;ssl=1\" data-large-file=\"https:\/\/i0.wp.com\/itayachtscanada.com\/wp-content\/uploads\/2023\/11\/Capture-decran-le-2023-11-22-a-08.59.25.png?fit=700%2C524&#038;ssl=1\" src=\"https:\/\/i0.wp.com\/itayachtscanada.com\/wp-content\/uploads\/2023\/11\/Capture-decran-le-2023-11-22-a-08.59.25.png?w=255&#038;h=191&#038;ssl=1\" srcset=\"https:\/\/i0.wp.com\/itayachtscanada.com\/wp-content\/uploads\/2023\/11\/Capture-decran-le-2023-11-22-a-08.59.25.png?w=1436&amp;ssl=1 1436w, https:\/\/i0.wp.com\/itayachtscanada.com\/wp-content\/uploads\/2023\/11\/Capture-decran-le-2023-11-22-a-08.59.25.png?resize=300%2C225&amp;ssl=1 300w, https:\/\/i0.wp.com\/itayachtscanada.com\/wp-content\/uploads\/2023\/11\/Capture-decran-le-2023-11-22-a-08.59.25.png?resize=1024%2C767&amp;ssl=1 1024w, https:\/\/i0.wp.com\/itayachtscanada.com\/wp-content\/uploads\/2023\/11\/Capture-decran-le-2023-11-22-a-08.59.25.png?resize=768%2C575&amp;ssl=1 768w, https:\/\/i0.wp.com\/itayachtscanada.com\/wp-content\/uploads\/2023\/11\/Capture-decran-le-2023-11-22-a-08.59.25.png?resize=1200%2C899&amp;ssl=1 1200w, https:\/\/i0.wp.com\/itayachtscanada.com\/wp-content\/uploads\/2023\/11\/Capture-decran-le-2023-11-22-a-08.59.25.png?resize=800%2C600&amp;ssl=1 800w, https:\/\/i0.wp.com\/itayachtscanada.com\/wp-content\/uploads\/2023\/11\/Capture-decran-le-2023-11-22-a-08.59.25.png?resize=600%2C450&amp;ssl=1 600w, https:\/\/i0.wp.com\/itayachtscanada.com\/wp-content\/uploads\/2023\/11\/Capture-decran-le-2023-11-22-a-08.59.25.png?resize=400%2C300&amp;ssl=1 400w, https:\/\/i0.wp.com\/itayachtscanada.com\/wp-content\/uploads\/2023\/11\/Capture-decran-le-2023-11-22-a-08.59.25.png?resize=200%2C150&amp;ssl=1 200w, https:\/\/i0.wp.com\/itayachtscanada.com\/wp-content\/uploads\/2023\/11\/Capture-decran-le-2023-11-22-a-08.59.25.png?resize=700%2C525&amp;ssl=1 700w, https:\/\/i0.wp.com\/itayachtscanada.com\/wp-content\/uploads\/2023\/11\/Capture-decran-le-2023-11-22-a-08.59.25.png?resize=534%2C400&amp;ssl=1 534w\" width=\"255\" height=\"191\" loading=\"lazy\" data-original-width=\"255\" data-original-height=\"191\" itemprop=\"http:\/\/schema.org\/image\" title=\"Capture d\u2019\u00e9cran, le 2023-11-22 \u00e0 08.59.25\" alt=\"Capture d\u2019\u00e9cran, le 2023-11-22 \u00e0 08.59.25\" style=\"width: 255px; height: 191px;\" \/> <\/a> <\/div> <\/div> <!-- close group --> <\/div> <!-- close row --> <div class=\"gallery-row\" style=\"width: 700px; height: 337px;\" data-original-width=\"700\" data-original-height=\"337\" > <div class=\"gallery-group images-1\" style=\"width: 448px; height: 337px;\" data-original-width=\"448\" data-original-height=\"337\" > <div class=\"tiled-gallery-item tiled-gallery-item-large\" itemprop=\"associatedMedia\" itemscope itemtype=\"http:\/\/schema.org\/ImageObject\"> <a href=\"https:\/\/itayachtscanada.com\/fr\/listing\/aicon-66-vivere-2024-3695000-usd-for-sale\/capture-decran-le-2023-11-22-a-08-59-20\/\" border=\"0\" itemprop=\"url\"> <meta itemprop=\"width\" content=\"444\"> <meta itemprop=\"height\" content=\"333\"> <img decoding=\"async\" class=\"\" data-attachment-id=\"142462\" data-orig-file=\"https:\/\/itayachtscanada.com\/wp-content\/uploads\/2023\/11\/Capture-decran-le-2023-11-22-a-08.59.20.png\" data-orig-size=\"1436,1076\" data-comments-opened=\"1\" data-image-meta=\"{&quot;aperture&quot;:&quot;0&quot;,&quot;credit&quot;:&quot;&quot;,&quot;camera&quot;:&quot;&quot;,&quot;caption&quot;:&quot;&quot;,&quot;created_timestamp&quot;:&quot;0&quot;,&quot;copyright&quot;:&quot;&quot;,&quot;focal_length&quot;:&quot;0&quot;,&quot;iso&quot;:&quot;0&quot;,&quot;shutter_speed&quot;:&quot;0&quot;,&quot;title&quot;:&quot;&quot;,&quot;orientation&quot;:&quot;0&quot;}\" data-image-title=\"Capture d\u2019\u00e9cran, le 2023-11-22 \u00e0 08.59.20\" data-image-description=\"\" data-medium-file=\"https:\/\/i0.wp.com\/itayachtscanada.com\/wp-content\/uploads\/2023\/11\/Capture-decran-le-2023-11-22-a-08.59.20.png?fit=300%2C225&#038;ssl=1\" data-large-file=\"https:\/\/i0.wp.com\/itayachtscanada.com\/wp-content\/uploads\/2023\/11\/Capture-decran-le-2023-11-22-a-08.59.20.png?fit=700%2C524&#038;ssl=1\" src=\"https:\/\/i0.wp.com\/itayachtscanada.com\/wp-content\/uploads\/2023\/11\/Capture-decran-le-2023-11-22-a-08.59.20.png?w=444&#038;h=333&#038;ssl=1\" srcset=\"https:\/\/i0.wp.com\/itayachtscanada.com\/wp-content\/uploads\/2023\/11\/Capture-decran-le-2023-11-22-a-08.59.20.png?w=1436&amp;ssl=1 1436w, https:\/\/i0.wp.com\/itayachtscanada.com\/wp-content\/uploads\/2023\/11\/Capture-decran-le-2023-11-22-a-08.59.20.png?resize=300%2C225&amp;ssl=1 300w, https:\/\/i0.wp.com\/itayachtscanada.com\/wp-content\/uploads\/2023\/11\/Capture-decran-le-2023-11-22-a-08.59.20.png?resize=1024%2C767&amp;ssl=1 1024w, https:\/\/i0.wp.com\/itayachtscanada.com\/wp-content\/uploads\/2023\/11\/Capture-decran-le-2023-11-22-a-08.59.20.png?resize=768%2C575&amp;ssl=1 768w, https:\/\/i0.wp.com\/itayachtscanada.com\/wp-content\/uploads\/2023\/11\/Capture-decran-le-2023-11-22-a-08.59.20.png?resize=1200%2C899&amp;ssl=1 1200w, https:\/\/i0.wp.com\/itayachtscanada.com\/wp-content\/uploads\/2023\/11\/Capture-decran-le-2023-11-22-a-08.59.20.png?resize=800%2C600&amp;ssl=1 800w, https:\/\/i0.wp.com\/itayachtscanada.com\/wp-content\/uploads\/2023\/11\/Capture-decran-le-2023-11-22-a-08.59.20.png?resize=600%2C450&amp;ssl=1 600w, https:\/\/i0.wp.com\/itayachtscanada.com\/wp-content\/uploads\/2023\/11\/Capture-decran-le-2023-11-22-a-08.59.20.png?resize=400%2C300&amp;ssl=1 400w, https:\/\/i0.wp.com\/itayachtscanada.com\/wp-content\/uploads\/2023\/11\/Capture-decran-le-2023-11-22-a-08.59.20.png?resize=200%2C150&amp;ssl=1 200w, https:\/\/i0.wp.com\/itayachtscanada.com\/wp-content\/uploads\/2023\/11\/Capture-decran-le-2023-11-22-a-08.59.20.png?resize=700%2C525&amp;ssl=1 700w, https:\/\/i0.wp.com\/itayachtscanada.com\/wp-content\/uploads\/2023\/11\/Capture-decran-le-2023-11-22-a-08.59.20.png?resize=534%2C400&amp;ssl=1 534w\" width=\"444\" height=\"333\" loading=\"lazy\" data-original-width=\"444\" data-original-height=\"333\" itemprop=\"http:\/\/schema.org\/image\" title=\"Capture d\u2019\u00e9cran, le 2023-11-22 \u00e0 08.59.20\" alt=\"Capture d\u2019\u00e9cran, le 2023-11-22 \u00e0 08.59.20\" style=\"width: 444px; height: 333px;\" \/> <\/a> <\/div> <\/div> <!-- close group --> <div class=\"gallery-group images-1\" style=\"width: 252px; height: 337px;\" data-original-width=\"252\" data-original-height=\"337\" > <div class=\"tiled-gallery-item tiled-gallery-item-small\" itemprop=\"associatedMedia\" itemscope itemtype=\"http:\/\/schema.org\/ImageObject\"> <a href=\"https:\/\/itayachtscanada.com\/fr\/listing\/aicon-66-vivere-2024-3695000-usd-for-sale\/capture-decran-le-2023-11-22-a-08-59-12\/\" border=\"0\" itemprop=\"url\"> <meta itemprop=\"width\" content=\"248\"> <meta itemprop=\"height\" content=\"333\"> <img decoding=\"async\" class=\"\" data-attachment-id=\"142463\" data-orig-file=\"https:\/\/itayachtscanada.com\/wp-content\/uploads\/2023\/11\/Capture-decran-le-2023-11-22-a-08.59.12.png\" data-orig-size=\"802,1076\" data-comments-opened=\"1\" data-image-meta=\"{&quot;aperture&quot;:&quot;0&quot;,&quot;credit&quot;:&quot;&quot;,&quot;camera&quot;:&quot;&quot;,&quot;caption&quot;:&quot;&quot;,&quot;created_timestamp&quot;:&quot;0&quot;,&quot;copyright&quot;:&quot;&quot;,&quot;focal_length&quot;:&quot;0&quot;,&quot;iso&quot;:&quot;0&quot;,&quot;shutter_speed&quot;:&quot;0&quot;,&quot;title&quot;:&quot;&quot;,&quot;orientation&quot;:&quot;0&quot;}\" data-image-title=\"Capture d\u2019\u00e9cran, le 2023-11-22 \u00e0 08.59.12\" data-image-description=\"\" data-medium-file=\"https:\/\/i0.wp.com\/itayachtscanada.com\/wp-content\/uploads\/2023\/11\/Capture-decran-le-2023-11-22-a-08.59.12.png?fit=224%2C300&#038;ssl=1\" data-large-file=\"https:\/\/i0.wp.com\/itayachtscanada.com\/wp-content\/uploads\/2023\/11\/Capture-decran-le-2023-11-22-a-08.59.12.png?fit=700%2C939&#038;ssl=1\" src=\"https:\/\/i0.wp.com\/itayachtscanada.com\/wp-content\/uploads\/2023\/11\/Capture-decran-le-2023-11-22-a-08.59.12.png?w=248&#038;h=333&#038;ssl=1\" srcset=\"https:\/\/i0.wp.com\/itayachtscanada.com\/wp-content\/uploads\/2023\/11\/Capture-decran-le-2023-11-22-a-08.59.12.png?w=802&amp;ssl=1 802w, https:\/\/i0.wp.com\/itayachtscanada.com\/wp-content\/uploads\/2023\/11\/Capture-decran-le-2023-11-22-a-08.59.12.png?resize=224%2C300&amp;ssl=1 224w, https:\/\/i0.wp.com\/itayachtscanada.com\/wp-content\/uploads\/2023\/11\/Capture-decran-le-2023-11-22-a-08.59.12.png?resize=763%2C1024&amp;ssl=1 763w, https:\/\/i0.wp.com\/itayachtscanada.com\/wp-content\/uploads\/2023\/11\/Capture-decran-le-2023-11-22-a-08.59.12.png?resize=768%2C1030&amp;ssl=1 768w, https:\/\/i0.wp.com\/itayachtscanada.com\/wp-content\/uploads\/2023\/11\/Capture-decran-le-2023-11-22-a-08.59.12.png?resize=150%2C200&amp;ssl=1 150w, https:\/\/i0.wp.com\/itayachtscanada.com\/wp-content\/uploads\/2023\/11\/Capture-decran-le-2023-11-22-a-08.59.12.png?resize=700%2C939&amp;ssl=1 700w, https:\/\/i0.wp.com\/itayachtscanada.com\/wp-content\/uploads\/2023\/11\/Capture-decran-le-2023-11-22-a-08.59.12.png?resize=298%2C400&amp;ssl=1 298w\" width=\"248\" height=\"333\" loading=\"lazy\" data-original-width=\"248\" data-original-height=\"333\" itemprop=\"http:\/\/schema.org\/image\" title=\"Capture d\u2019\u00e9cran, le 2023-11-22 \u00e0 08.59.12\" alt=\"Capture d\u2019\u00e9cran, le 2023-11-22 \u00e0 08.59.12\" style=\"width: 248px; height: 333px;\" \/> <\/a> <\/div> <\/div> <!-- close group --> <\/div> <!-- close row --> <div class=\"gallery-row\" style=\"width: 700px; height: 525px;\" data-original-width=\"700\" data-original-height=\"525\" > <div class=\"gallery-group images-1\" style=\"width: 700px; height: 525px;\" data-original-width=\"700\" data-original-height=\"525\" > <div class=\"tiled-gallery-item tiled-gallery-item-large\" itemprop=\"associatedMedia\" itemscope itemtype=\"http:\/\/schema.org\/ImageObject\"> <a href=\"https:\/\/itayachtscanada.com\/fr\/listing\/aicon-66-vivere-2024-3695000-usd-for-sale\/capture-decran-le-2023-11-22-a-08-59-03\/\" border=\"0\" itemprop=\"url\"> <meta itemprop=\"width\" content=\"696\"> <meta itemprop=\"height\" content=\"521\"> <img decoding=\"async\" class=\"\" data-attachment-id=\"142464\" data-orig-file=\"https:\/\/itayachtscanada.com\/wp-content\/uploads\/2023\/11\/Capture-decran-le-2023-11-22-a-08.59.03.png\" data-orig-size=\"1438,1076\" data-comments-opened=\"1\" data-image-meta=\"{&quot;aperture&quot;:&quot;0&quot;,&quot;credit&quot;:&quot;&quot;,&quot;camera&quot;:&quot;&quot;,&quot;caption&quot;:&quot;&quot;,&quot;created_timestamp&quot;:&quot;0&quot;,&quot;copyright&quot;:&quot;&quot;,&quot;focal_length&quot;:&quot;0&quot;,&quot;iso&quot;:&quot;0&quot;,&quot;shutter_speed&quot;:&quot;0&quot;,&quot;title&quot;:&quot;&quot;,&quot;orientation&quot;:&quot;0&quot;}\" data-image-title=\"Capture d\u2019\u00e9cran, le 2023-11-22 \u00e0 08.59.03\" data-image-description=\"\" data-medium-file=\"https:\/\/i0.wp.com\/itayachtscanada.com\/wp-content\/uploads\/2023\/11\/Capture-decran-le-2023-11-22-a-08.59.03.png?fit=300%2C224&#038;ssl=1\" data-large-file=\"https:\/\/i0.wp.com\/itayachtscanada.com\/wp-content\/uploads\/2023\/11\/Capture-decran-le-2023-11-22-a-08.59.03.png?fit=700%2C524&#038;ssl=1\" src=\"https:\/\/i0.wp.com\/itayachtscanada.com\/wp-content\/uploads\/2023\/11\/Capture-decran-le-2023-11-22-a-08.59.03.png?w=696&#038;h=521&#038;ssl=1\" srcset=\"https:\/\/i0.wp.com\/itayachtscanada.com\/wp-content\/uploads\/2023\/11\/Capture-decran-le-2023-11-22-a-08.59.03.png?w=1438&amp;ssl=1 1438w, https:\/\/i0.wp.com\/itayachtscanada.com\/wp-content\/uploads\/2023\/11\/Capture-decran-le-2023-11-22-a-08.59.03.png?resize=300%2C224&amp;ssl=1 300w, https:\/\/i0.wp.com\/itayachtscanada.com\/wp-content\/uploads\/2023\/11\/Capture-decran-le-2023-11-22-a-08.59.03.png?resize=1024%2C766&amp;ssl=1 1024w, https:\/\/i0.wp.com\/itayachtscanada.com\/wp-content\/uploads\/2023\/11\/Capture-decran-le-2023-11-22-a-08.59.03.png?resize=768%2C575&amp;ssl=1 768w, https:\/\/i0.wp.com\/itayachtscanada.com\/wp-content\/uploads\/2023\/11\/Capture-decran-le-2023-11-22-a-08.59.03.png?resize=1200%2C898&amp;ssl=1 1200w, https:\/\/i0.wp.com\/itayachtscanada.com\/wp-content\/uploads\/2023\/11\/Capture-decran-le-2023-11-22-a-08.59.03.png?resize=800%2C600&amp;ssl=1 800w, https:\/\/i0.wp.com\/itayachtscanada.com\/wp-content\/uploads\/2023\/11\/Capture-decran-le-2023-11-22-a-08.59.03.png?resize=600%2C450&amp;ssl=1 600w, https:\/\/i0.wp.com\/itayachtscanada.com\/wp-content\/uploads\/2023\/11\/Capture-decran-le-2023-11-22-a-08.59.03.png?resize=400%2C300&amp;ssl=1 400w, https:\/\/i0.wp.com\/itayachtscanada.com\/wp-content\/uploads\/2023\/11\/Capture-decran-le-2023-11-22-a-08.59.03.png?resize=200%2C150&amp;ssl=1 200w, https:\/\/i0.wp.com\/itayachtscanada.com\/wp-content\/uploads\/2023\/11\/Capture-decran-le-2023-11-22-a-08.59.03.png?resize=700%2C524&amp;ssl=1 700w, https:\/\/i0.wp.com\/itayachtscanada.com\/wp-content\/uploads\/2023\/11\/Capture-decran-le-2023-11-22-a-08.59.03.png?resize=535%2C400&amp;ssl=1 535w\" width=\"696\" height=\"521\" loading=\"lazy\" data-original-width=\"696\" data-original-height=\"521\" itemprop=\"http:\/\/schema.org\/image\" title=\"Capture d\u2019\u00e9cran, le 2023-11-22 \u00e0 08.59.03\" alt=\"Capture d\u2019\u00e9cran, le 2023-11-22 \u00e0 08.59.03\" style=\"width: 696px; height: 521px;\" \/> <\/a> <\/div> <\/div> <!-- close group --> <\/div> <!-- close row --> <\/div>\n<div>\n<p><b><span lang=\"EN-US\">\u00a0<\/span><\/b><\/p>\n<p>&nbsp;<\/p>\n<div>\n<p><b>Ita Yachts Canada propose de vous assister et de voir \u00e0 vos int\u00e9r\u00eats pour l\u2019achat de ce yacht qui est \u00e0 vendre par une autre organisation. Nous serons pr\u00e9sents lors de l\u2019inspection et tout au long de la transaction et ce peu importe sa localisation. L\u2019\u00e9quipe d\u2019Ita Yachts Canada se soumet au plus haut standard d\u2019\u00e9thique.<\/b><\/p>\n<\/div>\n<\/div>\n<\/div>\n<p style=\"font-weight: 400;\"><strong>\u00a0<\/strong><\/p>\n<p>Faite l&rsquo;exp\u00e9rience de la boutique d&rsquo;usine directe : Avec l&rsquo;achat de votre Aicon Vivere 66, vous b\u00e9n\u00e9ficiez d&rsquo;un acc\u00e8s exclusif \u00e0 nos repr\u00e9sentants de classe mondiale de la boutique en direct de l&rsquo;usine. Ils sont l\u00e0 pour r\u00e9pondre \u00e0 tous vos besoins et s&rsquo;assurer que votre exp\u00e9rience du yachting ne soit rien de moins qu&rsquo;extraordinaire. Des services personnalis\u00e9s aux conseils d&rsquo;experts, nous avons con\u00e7u notre approche pour que votre voyage soit fluide et inoubliable. De plus, en tant que propri\u00e9taire d&rsquo;un Aicon, vous recevrez une invitation \u00e0 rejoindre le tr\u00e8s convoit\u00e9 Aicon members-only club, une communaut\u00e9 prestigieuse qui vous promet des privil\u00e8ges et des relations uniques dans le monde du yachting.<\/p>\n<p>Votre r\u00eave vous attend &#8211; R\u00e9servez votre Aicon Vivere 66 d\u00e8s aujourd&rsquo;hui : Nous acceptons maintenant les d\u00e9p\u00f4ts, sous r\u00e9serve d&rsquo;une inspection personnelle, d&rsquo;une enqu\u00eate et d&rsquo;un essai en mer. Nous croyons en la qualit\u00e9 et la performance de nos yachts, et nous sommes convaincus que vous tomberez amoureux de l&rsquo;Aicon Vivere 66 d\u00e8s votre premier voyage.<\/p>\n<p>Des \u00e9changes encourag\u00e9s et accept\u00e9s : Nous comprenons que les amateurs de yachting ont des besoins vari\u00e9s. C&rsquo;est pourquoi nous sommes heureux de pouvoir explorer les possibilit\u00e9s de reprise, afin que votre transition vers l&rsquo;Aicon Vivere 66 se fasse en douceur.<\/p>\n<p>Performance et excellence technique : Sous sa surface luxueuse, l&rsquo;Aicon Vivere 66 est propuls\u00e9 par des moteurs MAN V8 d&rsquo;une puissance impressionnante de 1300 chevaux chacun. Le yacht est con\u00e7u pour des performances optimales, avec des arbres et des h\u00e9lices in-board en ligne droite. Cette configuration offre non seulement une man\u0153uvrabilit\u00e9 exceptionnelle, mais optimise \u00e9galement le faible tirant d&rsquo;eau, le rendement \u00e9lev\u00e9 et les vibrations minimales, garantissant ainsi un voyage agr\u00e9able et sans heurts.<\/p>\n<p>Une conception sans faille, une maniabilit\u00e9 superbe : La coque de l&rsquo;Aicon Vivere 66 pr\u00e9sente un V profond avec une entr\u00e9e avant prononc\u00e9e et un l\u00e9ger \u00e9vasement Carolina Sport Fish. Ce design m\u00e9ticuleux permet une entr\u00e9e en douceur dans l&rsquo;eau, garantissant une navigation s\u00e8che et confortable. Avec une longueur hors tout (LOA) de 70&rsquo;6&Prime;, une largeur de 17&rsquo;4&Prime; et un tirant d&rsquo;eau de 4&rsquo;11\u00a0\u00bb, ce yacht offre un \u00e9quilibre parfait entre espace et agilit\u00e9.<\/p>\n<p>Des caract\u00e9ristiques innovantes qui nous distinguent : L&rsquo;Aicon Vivere 66 est dot\u00e9 d&rsquo;un ensemble de caract\u00e9ristiques innovantes qui le placent dans une classe \u00e0 part. Con\u00e7u par le c\u00e9l\u00e8bre Sergio Cutolo, ce yacht int\u00e8gre des \u00e9l\u00e9ments habituellement r\u00e9serv\u00e9s aux m\u00e9ga yachts. Par exemple, un puits de lumi\u00e8re sur le flybridge accueille la lumi\u00e8re naturelle dans le salon, cr\u00e9ant ainsi une atmosph\u00e8re lumineuse et accueillante.<\/p>\n<p>Mais l&rsquo;\u00e9l\u00e9ment le plus \u00e9poustouflant est sans doute la fen\u00eatre de coque circulaire Aicon, d\u00e9sormais \u00e9largie \u00e0 1,5 m\u00e8tre (4&rsquo;6&Prime;). Cet incroyable ajout offre une vue panoramique sur l&rsquo;oc\u00e9an et les grands espaces, tout en vous permettant de vous d\u00e9tendre dans le luxe. L&rsquo;int\u00e9rieur de l&rsquo;Aicon Vivere 66 est m\u00e9ticuleusement con\u00e7u pour maximiser le confort, compl\u00e9tant parfaitement le design ext\u00e9rieur du yacht.<\/p>\n<p>L&rsquo;Aicon Vivere 66 est plus qu&rsquo;un yacht, c&rsquo;est un chef-d&rsquo;\u0153uvre de design et d&rsquo;ing\u00e9nierie, un reflet de votre individualit\u00e9 et une invitation \u00e0 embarquer pour le voyage de votre vie. Bienvenue dans le futur du yachting avec l&rsquo;Aicon Vivere 66.<\/p>\n<p>Caract\u00e9ristiques :<\/p>\n<p>4 cabines + 3 toilettes avec douche s\u00e9par\u00e9<\/p>\n<p>Voici l&rsquo;Aicon Vivere 66&prime; 2023 &#8211; un navire vraiment remarquable, dans une ligue \u00e0 part. Ce chef-d&rsquo;\u0153uvre con\u00e7u sur mesure red\u00e9finit le luxe et la performance, offrant des caract\u00e9ristiques habituellement r\u00e9serv\u00e9es \u00e0 des yachts beaucoup plus grands et un niveau de redondance sans pr\u00e9c\u00e9dent dans sa cat\u00e9gorie.<\/p>\n<p>D&rsquo;une \u00e9l\u00e9gance in\u00e9gal\u00e9e, l&rsquo;Aicon 66 dispose de quatre cabines spacieuses et, fait unique, de trois salles d&rsquo;eau pour garantir une commodit\u00e9 et une intimit\u00e9 optimales. Ce qui distingue cet Aicon, ce sont ses options de personnalisation exceptionnelles, o\u00f9 tous vos d\u00e9sirs et vos go\u00fbts sont m\u00e9ticuleusement pris en compte, en utilisant les mat\u00e9riaux les plus fins provenant directement des montagnes historiques d&rsquo;Italie.<\/p>\n<p>Mais l&rsquo;excellence ne s&rsquo;arr\u00eate pas l\u00e0. Lorsque vous devenez l&rsquo;heureux propri\u00e9taire d&rsquo;un Aicon, vous acc\u00e9dez \u00e0 un monde d&rsquo;avantages in\u00e9gal\u00e9s. Les repr\u00e9sentants de nos boutiques sont \u00e0 votre service, pr\u00eats \u00e0 vous offrir une exp\u00e9rience vraiment personnalis\u00e9e. En tant que propri\u00e9taire d&rsquo;un Aicon, vous aurez \u00e9galement le privil\u00e8ge de rejoindre le club exclusif des membres d&rsquo;AICON, ce qui vous ouvrira les portes d&rsquo;un royaume de prestige et de privil\u00e8ges.<\/p>\n<p>Chez Aicon, nous comprenons que l&rsquo;achat d&rsquo;un yacht est une d\u00e9cision importante. C&rsquo;est pourquoi nous vous invitons \u00e0 d\u00e9couvrir l&rsquo;Aicon 66 par vous-m\u00eame. Le manufacturier AICON \u00a0via son vendeur accepte les d\u00e9p\u00f4ts, sous r\u00e9serve d&rsquo;une inspection personnelle, d&rsquo;une inspection et d&rsquo;un essai en mer pour s&rsquo;assurer que ce magnifique navire correspond parfaitement \u00e0 vos attentes.<\/p>\n<p>Sous le capot, ce navire extraordinaire est propuls\u00e9 par des moteurs MAN V8, d\u00e9livrant une puissance \u00e9poustouflante de 1300 chevaux, garantissant une performance exceptionnelle et fiable. La conception m\u00e9canique int\u00e8gre un arbre et des h\u00e9lices en ligne droite, optimis\u00e9s pour un faible tirant d&rsquo;eau, un rendement \u00e9lev\u00e9 et des vibrations minimales.<\/p>\n<p>Le design de la coque de l&rsquo;Aicon 66 est un chef-d&rsquo;\u0153uvre en soi, avec un V profond, une entr\u00e9e avant prononc\u00e9e et un subtil Carolina Sport Fish Flare. L&rsquo;attention port\u00e9e aux d\u00e9tails a \u00e9t\u00e9 primordiale dans la cr\u00e9ation d&rsquo;une entr\u00e9e douce pour une navigation s\u00e8che et confortable.<\/p>\n<p>L&rsquo;une des caract\u00e9ristiques les plus remarquables de ce bateau est son syst\u00e8me de stabilisation gyroscopique de pointe, qui garantit une navigation souple et stable dans toutes les conditions.L&rsquo;Aicon 66 \u00ab\u00a0Vivere\u00a0\u00bb est vraiment unique dans sa cat\u00e9gorie. Con\u00e7u par le c\u00e9l\u00e8bre Sergio Cutolo, il int\u00e8gre des caract\u00e9ristiques que l&rsquo;on ne trouve habituellement que dans les m\u00e9ga yachts. L&rsquo;ajout d&rsquo;un puits de lumi\u00e8re sur le flybridge baigne le salon de lumi\u00e8re naturelle, cr\u00e9ant une atmosph\u00e8re chaleureuse et accueillante. De plus, la fen\u00eatre circulaire de la coque, embl\u00e9matique de l&rsquo;Aicon, a \u00e9t\u00e9 \u00e9largie \u00e0 une hauteur stup\u00e9fiante de 1,5 m\u00e8tre, offrant des vues panoramiques \u00e0 couper le souffle et une connexion avec l&rsquo;oc\u00e9an et le grand air pendant que vous vous d\u00e9tendez dans le luxe.L&rsquo;int\u00e9rieur est un chef-d&rsquo;\u0153uvre de design, m\u00e9ticuleusement personnalis\u00e9 pour maximiser le confort tout en compl\u00e9tant l&rsquo;ext\u00e9rieur saisissant du navire. Avec l&rsquo;Aicon 66 \u00ab\u00a0Vivere\u00a0\u00bb, vous ne poss\u00e9dez pas seulement un yacht, vous entrez dans une nouvelle \u00e8re de luxe et d&rsquo;exclusivit\u00e9. Il est temps de r\u00e9aliser vos r\u00eaves avec l&rsquo;Aicon Vivere 66&prime; 2023.<\/p>\n<p>Options:<\/p>\n<p>Au choix comme moteurs :<br \/>\nMoteurs Diesel CAT1,150HP Inboard Shaft Line V-Drive<br \/>\nMoteurs Upgrade \u00e0 MAN 1,200HPinboardShaftLineV-8Drive<br \/>\nMoteurs Upgrade \u00e0 MAN 1,300HPinboardShaftLineV-8Drive<\/p>\n<p>Gyroscope (stabilisation) \u00a0par QUICK, MC2 (2*X13 ou 1*X30)<br \/>\nCommande QNN rapide (pour Garmin\/Raymarine) Palmes stabilisatrices \u00e9lectriques<br \/>\nCablemaster Glendinning avec 20 mt de c\u00e2ble\/ 100 Amp Propulseur d&rsquo;\u00e9trave 10 Kw<br \/>\nPropulseur de poupe 10Kw<br \/>\nInterceptor 450S V16 Panneau de contr\u00f4le suppl\u00e9mentaire pour Zipwake<br \/>\nElectronique Standard (Dual Garmin GPS &#8211; Standard, VHF, Eco, Radar 24 Nm, Autopilote) Electronique UPGRADE (Dual Garmin GPS 16&Prime;, VHF, Eco, Radar 36 Nm, Autopilote) Electronique UPGRADE (Dual Garmin GPS 17&Prime;, VHF, Eco, Radar 36 Nm, Autopilot) Electronic UPGRADE (Dual Garmin GPS 22&Prime;, VHF, Eco, Radar 36 Nm, Autopilot) Electronic UPGRADE (Triple Garmin GPS 16&Prime;, VHF, Eco, Radar 36 Nm, Autopilot) Camera Control for Transom &amp;Engine Room<br \/>\n\u00c9lectronique standard (Raymarine)<br \/>\nModernisation \u00e9lectronique &#8211; Garmin\/Raymarine<br \/>\nG\u00e9n\u00e9rateur 27 Kw (Strd 17 Kw\/50 hz ou 23 kw\/60 hz)<br \/>\nAm\u00e9lioration du g\u00e9n\u00e9rateur : \u00ab\u00a0DUAL GREEN\u00a0\u00bb double g\u00e9n\u00e9rateurs (16kw) s\u00e9rie \u00b6llel Isolateur galvanique 63 Amp<br \/>\nIsolateur galvanique 100 Amp<br \/>\nTransformateur d&rsquo;isolation avec booster \u00e0 4 niveaux 25Kw<br \/>\nAncre ultramarine en acier inoxydable 35 kg Cha\u00eene d&rsquo;ancre en acier inoxydable (100 m\u00e8tres, 10 mm de diam\u00e8tre)<br \/>\nTreuils d&rsquo;amarrage (2) \u00e0 l&rsquo;arri\u00e8re<br \/>\nTaquets d&rsquo;amarrage cach\u00e9s (2) sur la plate-forme arri\u00e8re (droite\/gauche)<br \/>\nPorte lat\u00e9rale manuelle \u00e0 tribord STD Porte lat\u00e9rale manuelle \u00e0 b\u00e2bord<br \/>\nPorte lat\u00e9rale semi-automatique \u00e0 tribord<br \/>\nPorte lat\u00e9rale semi-automatique b\u00e2bord INC Porte lat\u00e9rale automatique tribord<br \/>\nPorte lat\u00e9rale automatique \u00e0 b\u00e2bord<br \/>\nR\u00e9servoir d&rsquo;eaux noires 500It S<br \/>\nChoix d&rsquo;am\u00e9nagement : 3\/4 cabines + salon inf\u00e9rieur \/ 4 cabines 4 salles d&rsquo;eau Si\u00e8ge pilote \u00e0 mouvement \u00e9lectrique (arri\u00e8re et nord &#8211; haut et bas)<br \/>\nSi\u00e8ge de copilote \u00e0 mouvement \u00e9lectrique (dossier et nord &#8211; haut et bas)<br \/>\nPare-soleil \u00e9lectrique de poupe sur le fly<br \/>\nDouche sur le fly<br \/>\nArceau de s\u00e9curit\u00e9 avec mini Hard Top Bimini Top<br \/>\nHard Top rigide<br \/>\nHard Top Insert \u00e9lectrique Bimini ouvrable Meubles de fly avec \u00e9vier<br \/>\nMeuble de poupe EXTRA Fly Glaci\u00e8re r\u00e9frig\u00e9r\u00e9e (Meuble Fly)<br \/>\nMachine \u00e0 gla\u00e7ons EXTRA sur le Fly<br \/>\nBarbecue Kenyon sur le Fly Table en teck sur le Fly<br \/>\nTable sur le fly avec insert en marbre R\u00e9frig\u00e9rateur sur le fly<br \/>\nR\u00e9frig\u00e9rateur EXTRA sur le Fly T\u00e9l\u00e9vision additionnelle Led Fly 4 0 \u00a0\u00bb<br \/>\nHousse de flybridge<br \/>\nProjecteur sur le fly arri\u00e8re (8)<br \/>\nAntenne satellite (Intellian 16 60 cm de diam\u00e8tre) Stations de pr\u00e9-c\u00e2blage satellite<br \/>\nTissu blanc ou noir pour les fen\u00eatres du hard top (4 c\u00f4t\u00e9s + pare-brise) Zones \u00e0 intensit\u00e9 variable (Fly Bridge, Bar)<br \/>\nTroisi\u00e8me station de contr\u00f4le au lieu du Yacht Controller (n\u00e9cessite une valve de p\u00eache \u00e0 la tra\u00eene)<br \/>\nLogo LED \u00e0 l&rsquo;avant<br \/>\nLumi\u00e8res r\u00e9tractables sur le canap\u00e9 de proue (4)<br \/>\nValves de p\u00eache \u00e0 la tra\u00eene MAN<br \/>\n2 x Sat dummies Dome<br \/>\nOptions pierre\/marbre pour les meubles de cuisine<br \/>\nR\u00e9frig\u00e9rateur suppl\u00e9mentaire 65 Lt. sous le si\u00e8ge pilote<br \/>\nKit de selle r\u00e9tractable (installation)<br \/>\nMeubles de la cabine d&rsquo;\u00e9quipage avec \u00e9vier<br \/>\nR\u00e9frig\u00e9rateur dans la cabine d&rsquo;\u00e9quipage Micro-ondes dans la cabine d&rsquo;\u00e9quipage Coffre-fort dans la cabine principale<br \/>\n\u00c9clairage sous-marin lat\u00e9ral suppl\u00e9mentaire (sous la cabine principale)<br \/>\nCUSTOM Modification du meuble de refroidissement du vin avec porte-verres et rangement<\/p>\n<p>&nbsp;<\/p>\n<div>\n<p><strong>AVIS DE NON-RESPONSABILIT\u00c9<\/strong><\/p>\n<\/div>\n<div>\n<p><strong>Le bateau qui est pr\u00e9sent\u00e9 sur cette page, l\u2019est uniquement \u00e0 titre d&rsquo;information et n&rsquo;est pas n\u00e9cessairement toujours disponible \u00e0 la vente et\/ou \u00e0 la location.<\/strong><span class=\"apple-converted-space\"><b>\u00a0<\/b><\/span><strong>Ce bateau est peut-\u00eatre offert sous r\u00e9serve, il faut v\u00e9rifier sa disponibilit\u00e9.<\/strong><span class=\"apple-converted-space\"><b>\u00a0<\/b><\/span><strong>\u00a0Ce document ou cette annonce n&rsquo;est pas contractuel. Les informations sur les bateaux affich\u00e9es dans les r\u00e9sultats ci-dessus sont pr\u00e9sent\u00e9es en toute bonne foi et, bien qu&rsquo;elles soient consid\u00e9r\u00e9es comme correctes, elles ne sont pas garanties. Ita Yachts Canada ne garantit pas et n&rsquo;assume aucune responsabilit\u00e9 l\u00e9gale ou responsabilit\u00e9 pour l&rsquo;exactitude, l&rsquo;exhaustivit\u00e9 ou l&rsquo;utilit\u00e9 des informations et\/ou des images affich\u00e9es, car elles peuvent ne pas \u00eatre \u00e0 jour ou encore \u00eatres des images d&rsquo;un bateau comparable. Toutes les informations sur les bateaux peuvent \u00eatre modifi\u00e9es sans pr\u00e9avis et sont sans garantie.<\/strong><span class=\"apple-converted-space\">\u00a0<\/span><strong>Ce bateau est peut-\u00eatre offert par un autre courtier ouvert au co-courtage (co-brokerage).<\/strong><\/p>\n<\/div>\n<div><\/div>\n<div><\/div>\n<div>\n<div data-test='contact-form'\n\t\t\tid='contact-form-142402'\n\t\t\tclass='jetpack-contact-form-container '\n\t\t\tdata-wp-interactive='jetpack\/form' data-wp-context='{\"formId\":\"142402\",\"formHash\":\"48f65ceb8f7bc3408f4856280b7634dc64b13c7e\",\"showErrors\":false,\"errors\":[],\"fields\":[],\"isMultiStep\":false,\"useAjax\":false,\"submissionData\":null,\"formattedSubmissionData\":[],\"submissionSuccess\":false,\"submissionError\":null,\"elementId\":\"jp-form-48f65ceb8f7bc3408f4856280b7634dc64b13c7e\",\"isSingleInputForm\":false,\"isForcedHorizontal\":false}'\n\t\t\tdata-wp-watch--scroll-to-wrapper=\"callbacks.scrollToWrapper\"\n\t\t>\n<div class=\"contact-form-submission contact-form-ajax-submission\" data-wp-bind--aria-hidden=\"state.isSuccessMessageAriaHidden\" data-wp-class--submission-success=\"context.submissionSuccess\" id=\"contact-form-success-48f65ceb8f7bc3408f4856280b7634dc64b13c7e\" tabindex=\"-1\" aria-labelledby=\"contact-form-success-header-48f65ceb8f7bc3408f4856280b7634dc64b13c7e\"><p class=\"go-back-message\"><a class=\"link\" role=\"button\" tabindex=\"0\" data-wp-on--click=\"actions.goBack\" href=\"\/fr\/wp-json\/wp\/v2\/listing\/142402\">\u2190 Retour<\/a><\/p><h4 data-wp-bind--aria-hidden=\"state.isSuccessMessageAriaHidden\" id=\"contact-form-success-header-48f65ceb8f7bc3408f4856280b7634dc64b13c7e\">Merci pour votre r\u00e9ponse. \u2728<\/h4>\n\n<template data-wp-each--submission=\"context.formattedSubmissionData\">\n\t\t\t\t\t<div class=\"jetpack_forms_contact-form-success-summary\">\n\t\t\t\t\t\t<div class=\"field-name-wrapper\">\n\t\t\t\t\t\t\t<div class=\"field-type-icon\" data-wp-watch=\"callbacks.watchFieldTypeIcon\"><\/div>\n\t\t\t\t\t\t\t<div class=\"field-name\" data-wp-text=\"context.submission.label\" data-wp-bind--hidden=\"!context.submission.label\"><\/div>\n\t\t\t\t\t\t<\/div>\n\t\t\t\t\t\t<div class=\"field-value\" data-wp-text=\"context.submission.value\" data-wp-bind--hidden=\"!context.submission.showPlainValue\"><\/div>\n\t\t\t\t\t\t<a class=\"field-url\" data-wp-bind--href=\"context.submission.url\" data-wp-text=\"context.submission.value\" data-wp-bind--hidden=\"!context.submission.url\" target=\"_blank\" rel=\"noopener noreferrer\"><\/a>\n\t\t\t\t\t\t<div class=\"field-rating\" data-wp-bind--hidden=\"!context.submission.rating\" data-wp-watch=\"callbacks.watchRatingIcons\"><\/div>\n\t\t\t\t\t\t<div class=\"field-images\" data-wp-bind--hidden=\"!context.submission.images\">\n\t\t\t\t\t\t\t<template data-wp-each--image=\"context.submission.images\">\n\t\t\t\t\t\t\t\t<div class=\"field-image-option\" data-wp-class--is-empty=\"!context.image.src\">\n\t\t\t\t\t\t\t\t\t<figure class=\"field-image-option__image\" data-wp-class--is-empty=\"!context.image.src\">\n\t\t\t\t\t\t\t\t\t\t<img data-wp-bind--src=\"context.image.src\" data-wp-bind--hidden=\"!context.image.src\" \/>\n\t\t\t\t\t\t\t\t\t\t<img decoding=\"async\" src=\"data:image\/gif;base64,R0lGODlhAQABAAD\/ACwAAAAAAQABAAACADs=\" data-wp-bind--hidden=\"context.image.src\" \/>\n\t\t\t\t\t\t\t\t\t<\/figure>\n\t\t\t\t\t\t\t\t\t<div class=\"field-image-option__label-wrapper\">\n\t\t\t\t\t\t\t\t\t\t<span class=\"field-image-option__label-code\" data-wp-text=\"context.image.letterCode\"><\/span>\n\t\t\t\t\t\t\t\t\t\t<span class=\"field-image-option__label\" data-wp-text=\"context.image.label\" data-wp-bind--hidden=\"!context.image.label\"><\/span>\n\t\t\t\t\t\t\t\t\t<\/div>\n\t\t\t\t\t\t\t\t<\/div>\n\t\t\t\t\t\t\t<\/template>\n\t\t\t\t\t\t<\/div>\n\t\t\t\t\t\t<div class=\"field-files\" data-wp-bind--hidden=\"!context.submission.files\">\n\t\t\t\t\t\t\t<template data-wp-each--file=\"context.submission.files\">\n\t\t\t\t\t\t\t\t<div class=\"field-file\">\n\t\t\t\t\t\t\t\t\t<div class=\"field-file__thumbnail\" data-wp-style--background-image=\"context.file.previewUrl\" data-wp-style--mask-image=\"context.file.iconUrl\" data-wp-bind--hidden=\"!context.file.hasPreview\"><\/div>\n\t\t\t\t\t\t\t\t\t<svg class=\"field-file__icon\" data-wp-bind--hidden=\"context.file.hasPreview\" width=\"20\" height=\"20\" viewBox=\"0 0 24 24\" fill=\"none\" xmlns=\"http:\/\/www.w3.org\/2000\/svg\" aria-hidden=\"true\">\n\t\t\t\t\t\t\t\t\t\t<path d=\"M14 2H6C4.9 2 4 2.9 4 4V20C4 21.1 4.89 22 5.99 22H18C19.1 22 20 21.1 20 20V8L14 2ZM18 20H6V4H13V9H18V20Z\" fill=\"currentColor\"\/>\n\t\t\t\t\t\t\t\t\t<\/svg>\n\t\t\t\t\t\t\t\t\t<span class=\"field-file__name\" data-wp-text=\"context.file.name\"><\/span>\n\t\t\t\t\t\t\t\t\t<span class=\"field-file__size\" data-wp-text=\"context.file.size\"><\/span>\n\t\t\t\t\t\t\t\t<\/div>\n\t\t\t\t\t\t\t<\/template>\n\t\t\t\t\t\t<\/div>\n\t\t\t\t\t<\/div>\n\t\t\t\t<\/template><\/div><form action='https:\/\/itayachtscanada.com\/fr\/listing\/aicon-66-vivere-2024-3695000-usd-for-sale\/'\n\t\t\t\tid='jp-form-48f65ceb8f7bc3408f4856280b7634dc64b13c7e'\n\t\t\t\tmethod='post'\n\t\t\t\tclass='contact-form commentsblock jetpack-contact-form__form has-no-jetpack-form-layout' aria-label=\"{:en}Aicon 66 Vivere 2024 $3,299,990 usd for sale{:}{:fr}Aicon 66 Vivere 2024 $3,299,990 usd \u00e0 vendre{:}\"\n\t\t\t\tdata-wp-on--submit=\"actions.onFormSubmit\"\n\t\t\t\tdata-wp-on--reset=\"actions.onFormReset\"\n\t\t\t\tdata-wp-class--submission-success=\"context.submissionSuccess\"\n\t\t\t\tdata-wp-class--is-first-step=\"state.isFirstStep\"\n\t\t\t\tdata-wp-class--is-last-step=\"state.isLastStep\"\n\t\t\t\tdata-wp-class--is-ajax-form=\"context.useAjax\"\n\t\t\t\tnovalidate >\n<input type='hidden' name='jetpack_contact_form_jwt' value='eyJ0eXAiOiJKV1QiLCJhbGciOiJIUzI1NiJ9.eyJlbmNyeXB0ZWRfYXR0cmlidXRlcyI6IjYvVWNVMEVjVXBUTGQ2R0FkRjFOMWxma1V2NkJyUXN2eWVCYkZYdWlzQkhmZ1FMNFRpTTJWd0FTTEkvcXRUbUx3RTRCQThSK0dJQ3pEYlYvOEVhRGIwNFdZNWpuS3VULy9RQmx4SGFYQmlKWGdzbjlab0lIVmk0dFg1Zkk5NmNZUVJvQUhwQ1E4TVFHNFBQekRWRmtUL1AvU2ZDckVFR3JoS3BlY254RFFMU2JWSURuKzJFdzFzUDlONmdZdGpIZldNRlVkcVJxUzdSVGFadWZNVzJiZFhHRzUyMjJjNjlVYjRTM25YK0xKaWZZdUpubWtVbU1JNjZwOUR5MGZkK1VPN3VudkMrYXViNkpxQm5wckQxSnFwR0tyRDFMQVVtNkZkdzZSZFJ0TXI3b3BRYVh1WnJBcCt5V05JaW5DcVNqL2pjek5zUVBCKzNGT2pSWEpHN0lqUW1GMi9ORHlrMXE1aXhnYlFYaUJvSUR1UWJWdzBpb1VDb2hoaWF5YVVvWGQzZ3N6Z1JmKzBMbXJRRUZ4dVltM0RqOHRmUWlSVWN4NTVXWnBGbHZwUDAzY2tjWHVNN3NnRWczUktXV3ZoQ0ExRHNCSkZmZFBzV25HRFE2RWlNSWs5NUJsZTN2eHUrUkF4VEJYWTI3NVFFZWtNZE1wNTdrRWZkWDh1SHlFcHNlbTJDMlBpZy9RSFk2cHZnV3poek4xVlBoSGdiVVhxUzhNODYvd1FldzczVEhUMnMxVGRiMTN2ZkhqQk45MjduUzdid0lSZDlCb3N6L3NjUUMyakFjdENCWDA5K3ZXalJ6QXM3NGJvL1pHdzBMOUtXWjRZNXpMb3ZSRGwwNW9MRTVXbVlTSGxZWXhYblJQOUtuRFlVc2l1SklkR3lQMmNjc1ZZeXRaNEx2akNnSkR2ZzJ3am9VTHdjQytXMVh6am5VZ290bUNPaXhzbWNHSkVFZjVCU1RxcWIxY3FjdVB0dmNPN0VKQSt2NTRoOFFlSTZEODdtWmVWN2ZCNktVUEJhd1hVSEJnUENPQjY2V2VaM0U1MDFIWlprSTFxRnhjZmw4TE1LU21ZT2NUSTl6OEhyRDBlb3hUWlZxRkNLYkFSMWJIK2doUzd2RnBsbkRKOHRnSGFVbHNaWWkyR0dlSDBXUjVZTkUwT2JjZVh4TkhyWmRPQ0Fpd2htcU1KckFKcFhUUkRDdElxblJYc1FnTUlJWEVuK2kvbGZ2YnFWdnRFOThySmtzUG5qa0dCQUkyZUliYW8zakNoRTdhVmtPanFPbnE0TE5LL25teVlRPSIsImNvbnRlbnQiOiJbY29udGFjdC1maWVsZCBsYWJlbD1cIk5vbVwiIHR5cGU9XCJuYW1lXCIgcmVxdWlyZWQ9XCIxXCJdW2NvbnRhY3QtZmllbGQgbGFiZWw9XCJFLW1haWxcIiB0eXBlPVwiZW1haWxcIiByZXF1aXJlZD1cIjFcIl1bY29udGFjdC1maWVsZCBsYWJlbD1cIkF1IHN1amV0IGRlIGNlIHlhY2h0IDogXCIgdHlwZT1cInRleHRcIl1bY29udGFjdC1maWVsZCBsYWJlbD1cIk1lc3NhZ2VcIiB0eXBlPVwidGV4dGFyZWFcIl0iLCJoYXNoIjoiNDhmNjVjZWI4ZjdiYzM0MDhmNDg1NjI4MGI3NjM0ZGM2NGIxM2M3ZSIsInNvdXJjZSI6eyJlbnRyeV90aXRsZSI6IkFpY29uIDY2IFZpdmVyZSAyMDI0ICQzLDI5OSw5OTAgdXNkIFx1MDBlMCB2ZW5kcmUiLCJlbnRyeV9wYWdlIjoxLCJzb3VyY2VfaWQiOjE0MjQwMiwic291cmNlX3R5cGUiOiJzaW5nbGUiLCJyZXF1ZXN0X3VybCI6Imh0dHBzOi8vaXRheWFjaHRzY2FuYWRhLmNvbS9mci93cC1qc29uL3dwL3YyL2xpc3RpbmcvMTQyNDAyIn0sInZlcnNpb24iOjIsImNpcGhlciI6ImFlcy0yNTYtZ2NtIn0.oVxuCk9_NYVTe7lsqAYgPEVPiTLJzVO49h-ebqCRHCI' \/>\n\n<div style=\"\"  data-wp-interactive=\"jetpack\/form\" data-wp-context='{\"fieldId\":\"g142402-nom\",\"fieldType\":\"name\",\"fieldLabel\":\"Nom\",\"fieldValue\":\"\",\"fieldPlaceholder\":\"\",\"fieldIsRequired\":\"1\",\"fieldErrorMessage\":\"\",\"fieldExtra\":[],\"formHash\":\"48f65ceb8f7bc3408f4856280b7634dc64b13c7e\"}'  class='grunion-field-name-wrap grunion-field-wrap'  data-wp-init='callbacks.initializeField' data-wp-on--jetpack-form-reset='callbacks.initializeField' >\n<label\n\t\t\t\tfor='g142402-nom' class=\"grunion-field-label name\" >Nom<span class=\"grunion-label-required\" aria-hidden=\"true\">(obligatoire)<\/span><\/label>\n<input\n\t\t\t\t\ttype='text'\n\t\t\t\t\tname='g142402-nom'\n\t\t\t\t\tid='g142402-nom'\n\t\t\t\t\tvalue=''\n\n\t\t\t\t\tdata-wp-bind--aria-invalid='state.fieldAriaInvalid'\n\t\t\t\t\tdata-wp-bind--value='state.getFieldValue'\n\t\t\t\t\taria-describedby='g142402-nom-text-error-message'\n\t\t\t\t\tdata-wp-on--input='actions.onFieldChange'\n\t\t\t\t\tdata-wp-on--blur='actions.onFieldBlur'\n\t\t\t\t\tdata-wp-class--has-value='state.hasFieldValue'\n\n\t\t\t\t\tclass='name  grunion-field' \n\t\t\t\t\trequired='true' aria-required='true'  \/>\n \n\t\t\t<div id=\"g142402-nom-text-error\" class=\"contact-form__input-error\" data-wp-class--has-errors=\"state.fieldHasErrors\">\n\t\t\t\t<span class=\"contact-form__warning-icon\" aria-hidden=\"true\">\n\t\t\t\t\t<svg width=\"16\" height=\"16\" viewBox=\"0 0 16 16\" fill=\"none\" xmlns=\"http:\/\/www.w3.org\/2000\/svg\">\n\t\t\t\t\t\t<path d=\"M8.50015 11.6402H7.50015V10.6402H8.50015V11.6402Z\" \/>\n\t\t\t\t\t\t<path d=\"M7.50015 9.64018H8.50015V6.30684H7.50015V9.64018Z\" \/>\n\t\t\t\t\t\t<path fill-rule=\"evenodd\" clip-rule=\"evenodd\" d=\"M6.98331 3.0947C7.42933 2.30177 8.57096 2.30177 9.01698 3.09469L13.8771 11.7349C14.3145 12.5126 13.7525 13.4735 12.8602 13.4735H3.14004C2.24774 13.4735 1.68575 12.5126 2.12321 11.7349L6.98331 3.0947ZM8.14541 3.58496C8.08169 3.47168 7.9186 3.47168 7.85488 3.58496L2.99478 12.2251C2.93229 12.3362 3.01257 12.4735 3.14004 12.4735H12.8602C12.9877 12.4735 13.068 12.3362 13.0055 12.2251L8.14541 3.58496Z\" \/>\n\t\t\t\t\t<\/svg>\n\t\t\t\t<\/span>\n\t\t\t\t<span data-wp-text=\"state.errorMessage\" id=\"g142402-nom-text-error-message\"><\/span>\n\t\t\t<\/div> \n\t<\/div>\n\n<div style=\"\"  data-wp-interactive=\"jetpack\/form\" data-wp-context='{\"fieldId\":\"g142402-email\",\"fieldType\":\"email\",\"fieldLabel\":\"E-mail\",\"fieldValue\":\"\",\"fieldPlaceholder\":\"\",\"fieldIsRequired\":\"1\",\"fieldErrorMessage\":\"\",\"fieldExtra\":[],\"formHash\":\"48f65ceb8f7bc3408f4856280b7634dc64b13c7e\"}'  class='grunion-field-email-wrap grunion-field-wrap'  data-wp-init='callbacks.initializeField' data-wp-on--jetpack-form-reset='callbacks.initializeField' >\n<label\n\t\t\t\tfor='g142402-email' class=\"grunion-field-label email\" >E-mail<span class=\"grunion-label-required\" aria-hidden=\"true\">(obligatoire)<\/span><\/label>\n<input\n\t\t\t\t\ttype='email'\n\t\t\t\t\tname='g142402-email'\n\t\t\t\t\tid='g142402-email'\n\t\t\t\t\tvalue=''\n\n\t\t\t\t\tdata-wp-bind--aria-invalid='state.fieldAriaInvalid'\n\t\t\t\t\tdata-wp-bind--value='state.getFieldValue'\n\t\t\t\t\taria-describedby='g142402-email-email-error-message'\n\t\t\t\t\tdata-wp-on--input='actions.onFieldChange'\n\t\t\t\t\tdata-wp-on--blur='actions.onFieldBlur'\n\t\t\t\t\tdata-wp-class--has-value='state.hasFieldValue'\n\n\t\t\t\t\tclass='email  grunion-field' \n\t\t\t\t\trequired='true' aria-required='true'  \/>\n \n\t\t\t<div id=\"g142402-email-email-error\" class=\"contact-form__input-error\" data-wp-class--has-errors=\"state.fieldHasErrors\">\n\t\t\t\t<span class=\"contact-form__warning-icon\" aria-hidden=\"true\">\n\t\t\t\t\t<svg width=\"16\" height=\"16\" viewBox=\"0 0 16 16\" fill=\"none\" xmlns=\"http:\/\/www.w3.org\/2000\/svg\">\n\t\t\t\t\t\t<path d=\"M8.50015 11.6402H7.50015V10.6402H8.50015V11.6402Z\" \/>\n\t\t\t\t\t\t<path d=\"M7.50015 9.64018H8.50015V6.30684H7.50015V9.64018Z\" \/>\n\t\t\t\t\t\t<path fill-rule=\"evenodd\" clip-rule=\"evenodd\" d=\"M6.98331 3.0947C7.42933 2.30177 8.57096 2.30177 9.01698 3.09469L13.8771 11.7349C14.3145 12.5126 13.7525 13.4735 12.8602 13.4735H3.14004C2.24774 13.4735 1.68575 12.5126 2.12321 11.7349L6.98331 3.0947ZM8.14541 3.58496C8.08169 3.47168 7.9186 3.47168 7.85488 3.58496L2.99478 12.2251C2.93229 12.3362 3.01257 12.4735 3.14004 12.4735H12.8602C12.9877 12.4735 13.068 12.3362 13.0055 12.2251L8.14541 3.58496Z\" \/>\n\t\t\t\t\t<\/svg>\n\t\t\t\t<\/span>\n\t\t\t\t<span data-wp-text=\"state.errorMessage\" id=\"g142402-email-email-error-message\"><\/span>\n\t\t\t<\/div> \n\t<\/div>\n\n<div style=\"\"  data-wp-interactive=\"jetpack\/form\" data-wp-context='{\"fieldId\":\"g142402-ausujetdeceyacht\",\"fieldType\":\"text\",\"fieldLabel\":\"Au sujet de ce yacht : \",\"fieldValue\":\"\",\"fieldPlaceholder\":\"\",\"fieldIsRequired\":\"\",\"fieldErrorMessage\":\"\",\"fieldExtra\":[],\"formHash\":\"48f65ceb8f7bc3408f4856280b7634dc64b13c7e\"}'  class='grunion-field-text-wrap grunion-field-wrap'  data-wp-init='callbacks.initializeField' data-wp-on--jetpack-form-reset='callbacks.initializeField' >\n<label\n\t\t\t\tfor='g142402-ausujetdeceyacht' class=\"grunion-field-label text\" >Au sujet de ce yacht : <\/label>\n<input\n\t\t\t\t\ttype='text'\n\t\t\t\t\tname='g142402-ausujetdeceyacht'\n\t\t\t\t\tid='g142402-ausujetdeceyacht'\n\t\t\t\t\tvalue=''\n\n\t\t\t\t\tdata-wp-bind--aria-invalid='state.fieldAriaInvalid'\n\t\t\t\t\tdata-wp-bind--value='state.getFieldValue'\n\t\t\t\t\taria-describedby='g142402-ausujetdeceyacht-text-error-message'\n\t\t\t\t\tdata-wp-on--input='actions.onFieldChange'\n\t\t\t\t\tdata-wp-on--blur='actions.onFieldBlur'\n\t\t\t\t\tdata-wp-class--has-value='state.hasFieldValue'\n\n\t\t\t\t\tclass='text  grunion-field' \n\t\t\t\t\t \/>\n \n\t\t\t<div id=\"g142402-ausujetdeceyacht-text-error\" class=\"contact-form__input-error\" data-wp-class--has-errors=\"state.fieldHasErrors\">\n\t\t\t\t<span class=\"contact-form__warning-icon\" aria-hidden=\"true\">\n\t\t\t\t\t<svg width=\"16\" height=\"16\" viewBox=\"0 0 16 16\" fill=\"none\" xmlns=\"http:\/\/www.w3.org\/2000\/svg\">\n\t\t\t\t\t\t<path d=\"M8.50015 11.6402H7.50015V10.6402H8.50015V11.6402Z\" \/>\n\t\t\t\t\t\t<path d=\"M7.50015 9.64018H8.50015V6.30684H7.50015V9.64018Z\" \/>\n\t\t\t\t\t\t<path fill-rule=\"evenodd\" clip-rule=\"evenodd\" d=\"M6.98331 3.0947C7.42933 2.30177 8.57096 2.30177 9.01698 3.09469L13.8771 11.7349C14.3145 12.5126 13.7525 13.4735 12.8602 13.4735H3.14004C2.24774 13.4735 1.68575 12.5126 2.12321 11.7349L6.98331 3.0947ZM8.14541 3.58496C8.08169 3.47168 7.9186 3.47168 7.85488 3.58496L2.99478 12.2251C2.93229 12.3362 3.01257 12.4735 3.14004 12.4735H12.8602C12.9877 12.4735 13.068 12.3362 13.0055 12.2251L8.14541 3.58496Z\" \/>\n\t\t\t\t\t<\/svg>\n\t\t\t\t<\/span>\n\t\t\t\t<span data-wp-text=\"state.errorMessage\" id=\"g142402-ausujetdeceyacht-text-error-message\"><\/span>\n\t\t\t<\/div> \n\t<\/div>\n\n<div style=\"\"  data-wp-interactive=\"jetpack\/form\" data-wp-context='{\"fieldId\":\"g142402-message\",\"fieldType\":\"textarea\",\"fieldLabel\":\"Message\",\"fieldValue\":\"\",\"fieldPlaceholder\":\"\",\"fieldIsRequired\":\"\",\"fieldErrorMessage\":\"\",\"fieldExtra\":[],\"formHash\":\"48f65ceb8f7bc3408f4856280b7634dc64b13c7e\"}'  class='grunion-field-textarea-wrap grunion-field-wrap'  data-wp-init='callbacks.initializeField' data-wp-on--jetpack-form-reset='callbacks.initializeField' >\n<label\n\t\t\t\tfor='contact-form-comment-g142402-message' class=\"grunion-field-label textarea\" >Message<\/label>\n<textarea\n\t\t                style=''\n\t\t                name='g142402-message'\n\t\t                id='contact-form-comment-g142402-message'\n\t\t                rows='20'\n\t\t\t\t\t\tdata-wp-text='state.getFieldValue'\n\t\t\t\t\t\tdata-wp-on--input='actions.onFieldChange'\n\t\t\t\t\t\tdata-wp-on--blur='actions.onFieldBlur'\n\t\t\t\t\t\tdata-wp-class--has-value='state.hasFieldValue'\n\t\t\t\t\t\taria-describedby='g142402-message-textarea-error-message'\n\t\t\t\t\t\tdata-wp-bind--aria-invalid='state.fieldAriaInvalid'\n\t\t\t\t\t\tclass='textarea  grunion-field'  ><\/textarea>\n \n\t\t\t<div id=\"g142402-message-textarea-error\" class=\"contact-form__input-error\" data-wp-class--has-errors=\"state.fieldHasErrors\">\n\t\t\t\t<span class=\"contact-form__warning-icon\" aria-hidden=\"true\">\n\t\t\t\t\t<svg width=\"16\" height=\"16\" viewBox=\"0 0 16 16\" fill=\"none\" xmlns=\"http:\/\/www.w3.org\/2000\/svg\">\n\t\t\t\t\t\t<path d=\"M8.50015 11.6402H7.50015V10.6402H8.50015V11.6402Z\" \/>\n\t\t\t\t\t\t<path d=\"M7.50015 9.64018H8.50015V6.30684H7.50015V9.64018Z\" \/>\n\t\t\t\t\t\t<path fill-rule=\"evenodd\" clip-rule=\"evenodd\" d=\"M6.98331 3.0947C7.42933 2.30177 8.57096 2.30177 9.01698 3.09469L13.8771 11.7349C14.3145 12.5126 13.7525 13.4735 12.8602 13.4735H3.14004C2.24774 13.4735 1.68575 12.5126 2.12321 11.7349L6.98331 3.0947ZM8.14541 3.58496C8.08169 3.47168 7.9186 3.47168 7.85488 3.58496L2.99478 12.2251C2.93229 12.3362 3.01257 12.4735 3.14004 12.4735H12.8602C12.9877 12.4735 13.068 12.3362 13.0055 12.2251L8.14541 3.58496Z\" \/>\n\t\t\t\t\t<\/svg>\n\t\t\t\t<\/span>\n\t\t\t\t<span data-wp-text=\"state.errorMessage\" id=\"g142402-message-textarea-error-message\"><\/span>\n\t\t\t<\/div>\n\t<\/div>\n\t<p class='contact-submit'>\n<div class=\"contact-form__error\" data-wp-class--show-errors=\"state.showFormErrors\"><span class=\"contact-form__warning-icon\" aria-hidden=\"true\"><i><\/i><\/span><span class=\"contact-form__error-message\" tabindex=\"-1\" data-wp-watch=\"callbacks.focusOnValidationError\" data-wp-text=\"state.getFormErrorMessage\"><\/span><ul aria-label=\"Erreurs de formulaire\">\n\t\t\t\t<template data-wp-each=\"state.getErrorList\" data-wp-key=\"context.item.id\">\n\t\t\t\t\t<li><a data-wp-bind--href=\"context.item.anchor\" data-wp-on--click=\"actions.scrollIntoView\" data-wp-text=\"context.item.label\"><\/a><\/li>\n\t\t\t\t<\/template>\n\t\t\t\t<\/ul><\/div><div class=\"contact-form__error\" data-wp-class--show-errors=\"state.showSubmissionError\" data-wp-text=\"context.submissionError\" tabindex=\"-1\" data-wp-watch=\"callbacks.focusOnSubmissionError\"><\/div>\t\t<button type='submit' class='pushbutton-wide'>Envoyer<\/button>\t\t<input type='hidden' name='contact-form-id' value='142402' \/>\n\t\t<input type='hidden' name='action' value='grunion-contact-form' \/>\n\t\t<input type='hidden' name='contact-form-hash' value='48f65ceb8f7bc3408f4856280b7634dc64b13c7e' \/>\n\t<\/p>\n<p style=\"display: none !important;\" class=\"akismet-fields-container\" data-prefix=\"ak_\"><label>&#916;<textarea name=\"ak_hp_textarea\" cols=\"45\" rows=\"8\" maxlength=\"100\"><\/textarea><\/label><input type=\"hidden\" id=\"ak_js_1\" name=\"ak_js\" value=\"184\"\/><script type=\"text\/javascript\">\n\/* <![CDATA[ *\/\ndocument.getElementById( \"ak_js_1\" ).setAttribute( \"value\", ( new Date() ).getTime() );\n\/* ]]> *\/\n<\/script>\n<\/p><\/form>\n<\/div>\n<p>&nbsp;<\/p>\n<p>&nbsp;<\/p>\n<\/div>\n","protected":false},"excerpt":{"rendered":"<p>Aicon 66 Vivere 2024 $3,299,990 usd \u00e0 vendre Pr\u00e9sentation de l&rsquo;Aicon Vivere 66&prime; &#8211; Une vision du yachting de luxe red\u00e9finie Montez \u00e0 bord de l&rsquo;Aicon Vivere 66 et vous comprendrez imm\u00e9diatement que vous entrez dans un monde de sophistication et d&rsquo;innovation in\u00e9gal\u00e9es. Ce navire remarquable transcende les limites de sa cat\u00e9gorie de march\u00e9, en &hellip; <a href=\"https:\/\/itayachtscanada.com\/fr\/listing\/aicon-66-vivere-2024-3695000-usd-for-sale\/\" class=\"more-link\">Lire la suite <span class=\"screen-reader-text\">Aicon 66 Vivere 2024 $3,299,990 usd \u00e0 vendre<\/span> <span class=\"meta-nav\">&rarr;<\/span><\/a><\/p>\n","protected":false},"author":119081455,"featured_media":142412,"parent":0,"menu_order":0,"comment_status":"open","ping_status":"open","template":"","format":"standard","meta":{"_coblocks_attr":"","_coblocks_dimensions":"","_coblocks_responsive_height":"","_coblocks_accordion_ie_support":"","_lmt_disableupdate":"no","_lmt_disable":"no","advanced_seo_description":"","jetpack_seo_html_title":"","jetpack_seo_noindex":false,"footnotes":""},"manufacturer":[8607],"prix":[6756],"years":[7656],"length_feet":[6588],"boat_type":[6464],"price_range":[6581],"localisations":[6867],"numyacht":[9076,9894],"datevente":[10468,10591,10711,11012,11170,11275],"country":[10755],"states":[10770],"city":[10957],"fresh-water-boat":[10809],"broker":[],"migration":[10887],"class_list":["post-142402","listing","type-listing","status-publish","format-standard","has-post-thumbnail","hentry","manufacturer-aicon","prix-6756","years-7656","length_feet-between-60-and-69-feets","boat_type-flybridge","price_range-3000000-4999999","localisations-united-states-of-america","numyacht-9076","numyacht-9894","datevente-2025-06-23","datevente-2025-08-19","datevente-2025-10-17","datevente-2025-12-13","datevente-2026-02-10","datevente-2026-04-09","country-united-states","states-floride","city-stuart","fresh-water-boat-non","migration-oui"],"translation":{"provider":"WPGlobus","version":"2.12.2","language":"fr","enabled_languages":["en","fr"],"languages":{"en":{"title":true,"content":true,"excerpt":false},"fr":{"title":true,"content":true,"excerpt":false}}},"jetpack_likes_enabled":true,"jetpack_sharing_enabled":true,"_links":{"self":[{"href":"https:\/\/itayachtscanada.com\/fr\/wp-json\/wp\/v2\/listing\/142402","targetHints":{"allow":["GET"]}}],"collection":[{"href":"https:\/\/itayachtscanada.com\/fr\/wp-json\/wp\/v2\/listing"}],"about":[{"href":"https:\/\/itayachtscanada.com\/fr\/wp-json\/wp\/v2\/types\/listing"}],"author":[{"embeddable":true,"href":"https:\/\/itayachtscanada.com\/fr\/wp-json\/wp\/v2\/users\/119081455"}],"replies":[{"embeddable":true,"href":"https:\/\/itayachtscanada.com\/fr\/wp-json\/wp\/v2\/comments?post=142402"}],"version-history":[{"count":16,"href":"https:\/\/itayachtscanada.com\/fr\/wp-json\/wp\/v2\/listing\/142402\/revisions"}],"predecessor-version":[{"id":291750,"href":"https:\/\/itayachtscanada.com\/fr\/wp-json\/wp\/v2\/listing\/142402\/revisions\/291750"}],"wp:featuredmedia":[{"embeddable":true,"href":"https:\/\/itayachtscanada.com\/fr\/wp-json\/wp\/v2\/media\/142412"}],"wp:attachment":[{"href":"https:\/\/itayachtscanada.com\/fr\/wp-json\/wp\/v2\/media?parent=142402"}],"wp:term":[{"taxonomy":"manufacturer","embeddable":true,"href":"https:\/\/itayachtscanada.com\/fr\/wp-json\/wp\/v2\/manufacturer?post=142402"},{"taxonomy":"prix","embeddable":true,"href":"https:\/\/itayachtscanada.com\/fr\/wp-json\/wp\/v2\/prix?post=142402"},{"taxonomy":"years","embeddable":true,"href":"https:\/\/itayachtscanada.com\/fr\/wp-json\/wp\/v2\/years?post=142402"},{"taxonomy":"length_feet","embeddable":true,"href":"https:\/\/itayachtscanada.com\/fr\/wp-json\/wp\/v2\/length_feet?post=142402"},{"taxonomy":"boat_type","embeddable":true,"href":"https:\/\/itayachtscanada.com\/fr\/wp-json\/wp\/v2\/boat_type?post=142402"},{"taxonomy":"price_range","embeddable":true,"href":"https:\/\/itayachtscanada.com\/fr\/wp-json\/wp\/v2\/price_range?post=142402"},{"taxonomy":"localisations","embeddable":true,"href":"https:\/\/itayachtscanada.com\/fr\/wp-json\/wp\/v2\/localisations?post=142402"},{"taxonomy":"numyacht","embeddable":true,"href":"https:\/\/itayachtscanada.com\/fr\/wp-json\/wp\/v2\/numyacht?post=142402"},{"taxonomy":"datevente","embeddable":true,"href":"https:\/\/itayachtscanada.com\/fr\/wp-json\/wp\/v2\/datevente?post=142402"},{"taxonomy":"country","embeddable":true,"href":"https:\/\/itayachtscanada.com\/fr\/wp-json\/wp\/v2\/country?post=142402"},{"taxonomy":"states","embeddable":true,"href":"https:\/\/itayachtscanada.com\/fr\/wp-json\/wp\/v2\/states?post=142402"},{"taxonomy":"city","embeddable":true,"href":"https:\/\/itayachtscanada.com\/fr\/wp-json\/wp\/v2\/city?post=142402"},{"taxonomy":"fresh-water-boat","embeddable":true,"href":"https:\/\/itayachtscanada.com\/fr\/wp-json\/wp\/v2\/fresh-water-boat?post=142402"},{"taxonomy":"broker","embeddable":true,"href":"https:\/\/itayachtscanada.com\/fr\/wp-json\/wp\/v2\/broker?post=142402"},{"taxonomy":"migration","embeddable":true,"href":"https:\/\/itayachtscanada.com\/fr\/wp-json\/wp\/v2\/migration?post=142402"}],"curies":[{"name":"wp","href":"https:\/\/api.w.org\/{rel}","templated":true}]}}