{"id":142159,"date":"2023-11-20T16:20:49","date_gmt":"2023-11-20T21:20:49","guid":{"rendered":"https:\/\/itayachtscanada.com\/?post_type=listing&#038;p=142159"},"modified":"2026-04-30T17:10:47","modified_gmt":"2026-04-30T21:10:47","slug":"sunreef-80-sail-2022-8677777-usd-for-sale","status":"publish","type":"listing","link":"https:\/\/itayachtscanada.com\/fr\/listing\/sunreef-80-sail-2022-8677777-usd-for-sale\/","title":{"rendered":"Sunreef 80 Sail 2022 $6,299,000 usd \u00e0 vendre"},"content":{"rendered":"<p>OFF MARKET (pr\u00e9sentement retir\u00e9 de la vente)<\/p>\n<p><strong>Sunreef 80 Sail 2022 $6,299,000 usd \u00e0 vendre<\/strong><\/p>\n<div class=\"content-box\">\n<div class=\"column-container cols-3\">\n<div class=\"column\">\n<div class=\"column-item\">\n<div>\n<p>Le Sunreef 80 le mieux \u00e9quip\u00e9 jamais construit.<\/p>\n<p>Il s&rsquo;agit de la deuxi\u00e8me nouvelle construction du propri\u00e9taire. Il a pass\u00e9 en revue tous les d\u00e9tails possibles. Pour vous donner un exemple, sur plus de 80 bateaux de la nouvelle ligne de Sunreef Sail, celui-ci est le seul \u00e0 avoir \u00e9t\u00e9 construit avec le garage \u00e0 jouets personnalis\u00e9 et les bains de soleil arri\u00e8re sur le pont principal.<\/p>\n<p>Il a pris les meilleures id\u00e9es de chacun des mod\u00e8les Sunreef et les a r\u00e9unies sur ce magnifique yacht.<\/p>\n<p>Il ne vend que pour passer \u00e0 une voile 100.<\/p>\n<p>Le yacht a g\u00e9n\u00e9r\u00e9 plus de 800 000 $ de revenus de charter en seulement une demi-saison. La marque jouit d&rsquo;une excellente r\u00e9putation avec des commentaires et des t\u00e9moignages 5*.<\/p>\n<p>C&rsquo;est le bateau id\u00e9al pour tous ceux qui recherchent un amortissement fiscal en 2023 avec une activit\u00e9 de charter pr\u00eate \u00e0 l&#8217;emploi tout en r\u00e9pondant \u00e0 tous les besoins d&rsquo;une vie \u00e0 bord \u00e0 long terme.<\/p>\n<p>N.B. Ce catamaran est \u00e9galement ouvert a la possibilit\u00e9 d&rsquo;acquisition en mode partition.<\/p>\n<h3>Ce Sunreef 80 Sail est situ\u00e9 en US VIRGIN ISLANDS, veuillez nous contacter au 514-521-1221 pour tous les d\u00e9tails concernant ce catamaran Sunreef 80 Sail, notre bureau est situ\u00e9 en banlieue de Montr\u00e9al.<\/h3>\n<p>Notre bureau est situ\u00e9 en banlieue de Montr\u00e9al :<\/p>\n<p>Ann\u00e9e : 2022<\/p>\n<p>LOA : 78&prime; 3&Prime; (23.87m)<\/p>\n<p>Largeur : 37&prime; 8&Prime; (11.53m)<\/p>\n<p>Tirant d&rsquo;eau mini : 7&prime; 2&Prime; ( 2.2 m)<\/p>\n<p>Tirant d&rsquo;eau maxi : 2,2 m (7&prime; 2&Prime;)<\/p>\n<p>Cabines : 4 + 1 + 2<\/p>\n<p>Salles d&rsquo;eau : 5 + 2<\/p>\n<p>Vitesse de croisi\u00e8re : 9 noeuds<\/p>\n<p>Capacit\u00e9 en eau : 1600 l (422.68 US gal)<\/p>\n<p>Capacit\u00e9 de carburant : 2 x 3000L<\/p>\n<p>MOTEURS (heures=1500)\u00a0 :<\/p>\n<p>2022 John Deere 6068SFM85 (Moteur 1)<br \/>\nType de moteur : Inboard<br \/>\nType de carburant : Diesel<br \/>\nPuissance : 260 hp<\/p>\n<p>2022 John Deere 6068SFM85 (Moteur 2)<br \/>\nType de moteur : Inboard<br \/>\nType de carburant : Diesel<br \/>\nPuissance : 260 hp<\/p>\n<\/div>\n<div>\n<div class=\"tiled-gallery type-rectangular tiled-gallery-unresized\" data-original-width=\"700\" data-carousel-extra='{&quot;blog_id&quot;:1,&quot;permalink&quot;:&quot;https:\\\/\\\/itayachtscanada.com\\\/fr\\\/listing\\\/sunreef-80-sail-2022-8677777-usd-for-sale\\\/&quot;,&quot;likes_blog_id&quot;:198557287}' itemscope itemtype=\"http:\/\/schema.org\/ImageGallery\" > <div class=\"gallery-row\" style=\"width: 700px; height: 200px;\" data-original-width=\"700\" data-original-height=\"200\" > <div class=\"gallery-group images-1\" style=\"width: 350px; height: 200px;\" data-original-width=\"350\" data-original-height=\"200\" > <div class=\"tiled-gallery-item tiled-gallery-item-large\" itemprop=\"associatedMedia\" itemscope itemtype=\"http:\/\/schema.org\/ImageObject\"> <a href=\"https:\/\/itayachtscanada.com\/fr\/listing\/sunreef-80-sail-2022-8677777-usd-for-sale\/capture-decran-le-2023-11-20-a-15-17-03\/\" border=\"0\" itemprop=\"url\"> <meta itemprop=\"width\" content=\"346\"> <meta itemprop=\"height\" content=\"196\"> <img decoding=\"async\" class=\"\" data-attachment-id=\"142164\" data-orig-file=\"https:\/\/itayachtscanada.com\/wp-content\/uploads\/2023\/11\/Capture-decran-le-2023-11-20-a-15.17.03.png\" data-orig-size=\"2018,1146\" data-comments-opened=\"1\" data-image-meta=\"{&quot;aperture&quot;:&quot;0&quot;,&quot;credit&quot;:&quot;&quot;,&quot;camera&quot;:&quot;&quot;,&quot;caption&quot;:&quot;&quot;,&quot;created_timestamp&quot;:&quot;0&quot;,&quot;copyright&quot;:&quot;&quot;,&quot;focal_length&quot;:&quot;0&quot;,&quot;iso&quot;:&quot;0&quot;,&quot;shutter_speed&quot;:&quot;0&quot;,&quot;title&quot;:&quot;&quot;,&quot;orientation&quot;:&quot;0&quot;}\" data-image-title=\"Capture d\u2019\u00e9cran, le 2023-11-20 \u00e0 15.17.03\" data-image-description=\"\" data-medium-file=\"https:\/\/i0.wp.com\/itayachtscanada.com\/wp-content\/uploads\/2023\/11\/Capture-decran-le-2023-11-20-a-15.17.03.png?fit=300%2C170&#038;ssl=1\" data-large-file=\"https:\/\/i0.wp.com\/itayachtscanada.com\/wp-content\/uploads\/2023\/11\/Capture-decran-le-2023-11-20-a-15.17.03.png?fit=700%2C398&#038;ssl=1\" src=\"https:\/\/i0.wp.com\/itayachtscanada.com\/wp-content\/uploads\/2023\/11\/Capture-decran-le-2023-11-20-a-15.17.03.png?w=346&#038;h=196&#038;ssl=1\" srcset=\"https:\/\/i0.wp.com\/itayachtscanada.com\/wp-content\/uploads\/2023\/11\/Capture-decran-le-2023-11-20-a-15.17.03.png?w=2018&amp;ssl=1 2018w, https:\/\/i0.wp.com\/itayachtscanada.com\/wp-content\/uploads\/2023\/11\/Capture-decran-le-2023-11-20-a-15.17.03.png?resize=300%2C170&amp;ssl=1 300w, https:\/\/i0.wp.com\/itayachtscanada.com\/wp-content\/uploads\/2023\/11\/Capture-decran-le-2023-11-20-a-15.17.03.png?resize=1024%2C582&amp;ssl=1 1024w, https:\/\/i0.wp.com\/itayachtscanada.com\/wp-content\/uploads\/2023\/11\/Capture-decran-le-2023-11-20-a-15.17.03.png?resize=768%2C436&amp;ssl=1 768w, https:\/\/i0.wp.com\/itayachtscanada.com\/wp-content\/uploads\/2023\/11\/Capture-decran-le-2023-11-20-a-15.17.03.png?resize=1536%2C872&amp;ssl=1 1536w, https:\/\/i0.wp.com\/itayachtscanada.com\/wp-content\/uploads\/2023\/11\/Capture-decran-le-2023-11-20-a-15.17.03.png?resize=1200%2C681&amp;ssl=1 1200w, https:\/\/i0.wp.com\/itayachtscanada.com\/wp-content\/uploads\/2023\/11\/Capture-decran-le-2023-11-20-a-15.17.03.png?resize=700%2C398&amp;ssl=1 700w, https:\/\/i0.wp.com\/itayachtscanada.com\/wp-content\/uploads\/2023\/11\/Capture-decran-le-2023-11-20-a-15.17.03.png?resize=2000%2C1136&amp;ssl=1 2000w, https:\/\/i0.wp.com\/itayachtscanada.com\/wp-content\/uploads\/2023\/11\/Capture-decran-le-2023-11-20-a-15.17.03.png?resize=704%2C400&amp;ssl=1 704w, https:\/\/i0.wp.com\/itayachtscanada.com\/wp-content\/uploads\/2023\/11\/Capture-decran-le-2023-11-20-a-15.17.03.png?w=1400&amp;ssl=1 1400w\" width=\"346\" height=\"196\" loading=\"lazy\" data-original-width=\"346\" data-original-height=\"196\" itemprop=\"http:\/\/schema.org\/image\" title=\"Capture d\u2019\u00e9cran, le 2023-11-20 \u00e0 15.17.03\" alt=\"Capture d\u2019\u00e9cran, le 2023-11-20 \u00e0 15.17.03\" style=\"width: 346px; height: 196px;\" \/> <\/a> <\/div> <\/div> <!-- close group --> <div class=\"gallery-group images-1\" style=\"width: 350px; height: 200px;\" data-original-width=\"350\" data-original-height=\"200\" > <div class=\"tiled-gallery-item tiled-gallery-item-large\" itemprop=\"associatedMedia\" itemscope itemtype=\"http:\/\/schema.org\/ImageObject\"> <a href=\"https:\/\/itayachtscanada.com\/fr\/listing\/sunreef-80-sail-2022-8677777-usd-for-sale\/capture-decran-le-2023-11-20-a-15-16-52\/\" border=\"0\" itemprop=\"url\"> <meta itemprop=\"width\" content=\"346\"> <meta itemprop=\"height\" content=\"196\"> <img decoding=\"async\" class=\"\" data-attachment-id=\"142165\" data-orig-file=\"https:\/\/itayachtscanada.com\/wp-content\/uploads\/2023\/11\/Capture-decran-le-2023-11-20-a-15.16.52.png\" data-orig-size=\"2018,1146\" data-comments-opened=\"1\" data-image-meta=\"{&quot;aperture&quot;:&quot;0&quot;,&quot;credit&quot;:&quot;&quot;,&quot;camera&quot;:&quot;&quot;,&quot;caption&quot;:&quot;&quot;,&quot;created_timestamp&quot;:&quot;0&quot;,&quot;copyright&quot;:&quot;&quot;,&quot;focal_length&quot;:&quot;0&quot;,&quot;iso&quot;:&quot;0&quot;,&quot;shutter_speed&quot;:&quot;0&quot;,&quot;title&quot;:&quot;&quot;,&quot;orientation&quot;:&quot;0&quot;}\" data-image-title=\"Capture d\u2019\u00e9cran, le 2023-11-20 \u00e0 15.16.52\" data-image-description=\"\" data-medium-file=\"https:\/\/i0.wp.com\/itayachtscanada.com\/wp-content\/uploads\/2023\/11\/Capture-decran-le-2023-11-20-a-15.16.52.png?fit=300%2C170&#038;ssl=1\" data-large-file=\"https:\/\/i0.wp.com\/itayachtscanada.com\/wp-content\/uploads\/2023\/11\/Capture-decran-le-2023-11-20-a-15.16.52.png?fit=700%2C398&#038;ssl=1\" src=\"https:\/\/i0.wp.com\/itayachtscanada.com\/wp-content\/uploads\/2023\/11\/Capture-decran-le-2023-11-20-a-15.16.52.png?w=346&#038;h=196&#038;ssl=1\" srcset=\"https:\/\/i0.wp.com\/itayachtscanada.com\/wp-content\/uploads\/2023\/11\/Capture-decran-le-2023-11-20-a-15.16.52.png?w=2018&amp;ssl=1 2018w, https:\/\/i0.wp.com\/itayachtscanada.com\/wp-content\/uploads\/2023\/11\/Capture-decran-le-2023-11-20-a-15.16.52.png?resize=300%2C170&amp;ssl=1 300w, https:\/\/i0.wp.com\/itayachtscanada.com\/wp-content\/uploads\/2023\/11\/Capture-decran-le-2023-11-20-a-15.16.52.png?resize=1024%2C582&amp;ssl=1 1024w, https:\/\/i0.wp.com\/itayachtscanada.com\/wp-content\/uploads\/2023\/11\/Capture-decran-le-2023-11-20-a-15.16.52.png?resize=768%2C436&amp;ssl=1 768w, https:\/\/i0.wp.com\/itayachtscanada.com\/wp-content\/uploads\/2023\/11\/Capture-decran-le-2023-11-20-a-15.16.52.png?resize=1536%2C872&amp;ssl=1 1536w, https:\/\/i0.wp.com\/itayachtscanada.com\/wp-content\/uploads\/2023\/11\/Capture-decran-le-2023-11-20-a-15.16.52.png?resize=1200%2C681&amp;ssl=1 1200w, https:\/\/i0.wp.com\/itayachtscanada.com\/wp-content\/uploads\/2023\/11\/Capture-decran-le-2023-11-20-a-15.16.52.png?resize=700%2C398&amp;ssl=1 700w, https:\/\/i0.wp.com\/itayachtscanada.com\/wp-content\/uploads\/2023\/11\/Capture-decran-le-2023-11-20-a-15.16.52.png?resize=2000%2C1136&amp;ssl=1 2000w, https:\/\/i0.wp.com\/itayachtscanada.com\/wp-content\/uploads\/2023\/11\/Capture-decran-le-2023-11-20-a-15.16.52.png?resize=704%2C400&amp;ssl=1 704w, https:\/\/i0.wp.com\/itayachtscanada.com\/wp-content\/uploads\/2023\/11\/Capture-decran-le-2023-11-20-a-15.16.52.png?w=1400&amp;ssl=1 1400w\" width=\"346\" height=\"196\" loading=\"lazy\" data-original-width=\"346\" data-original-height=\"196\" itemprop=\"http:\/\/schema.org\/image\" title=\"Capture d\u2019\u00e9cran, le 2023-11-20 \u00e0 15.16.52\" alt=\"Capture d\u2019\u00e9cran, le 2023-11-20 \u00e0 15.16.52\" style=\"width: 346px; height: 196px;\" \/> <\/a> <\/div> <\/div> <!-- close group --> <\/div> <!-- close row --> <div class=\"gallery-row\" style=\"width: 700px; height: 306px;\" data-original-width=\"700\" data-original-height=\"306\" > <div class=\"gallery-group images-2\" style=\"width: 245px; height: 306px;\" data-original-width=\"245\" data-original-height=\"306\" > <div class=\"tiled-gallery-item tiled-gallery-item-small\" itemprop=\"associatedMedia\" itemscope itemtype=\"http:\/\/schema.org\/ImageObject\"> <a href=\"https:\/\/itayachtscanada.com\/fr\/listing\/sunreef-80-sail-2022-8677777-usd-for-sale\/capture-decran-le-2023-11-20-a-15-16-48\/\" border=\"0\" itemprop=\"url\"> <meta itemprop=\"width\" content=\"241\"> <meta itemprop=\"height\" content=\"137\"> <img decoding=\"async\" class=\"\" data-attachment-id=\"142166\" data-orig-file=\"https:\/\/itayachtscanada.com\/wp-content\/uploads\/2023\/11\/Capture-decran-le-2023-11-20-a-15.16.48.png\" data-orig-size=\"2018,1146\" data-comments-opened=\"1\" data-image-meta=\"{&quot;aperture&quot;:&quot;0&quot;,&quot;credit&quot;:&quot;&quot;,&quot;camera&quot;:&quot;&quot;,&quot;caption&quot;:&quot;&quot;,&quot;created_timestamp&quot;:&quot;0&quot;,&quot;copyright&quot;:&quot;&quot;,&quot;focal_length&quot;:&quot;0&quot;,&quot;iso&quot;:&quot;0&quot;,&quot;shutter_speed&quot;:&quot;0&quot;,&quot;title&quot;:&quot;&quot;,&quot;orientation&quot;:&quot;0&quot;}\" data-image-title=\"Capture d\u2019\u00e9cran, le 2023-11-20 \u00e0 15.16.48\" data-image-description=\"\" data-medium-file=\"https:\/\/i0.wp.com\/itayachtscanada.com\/wp-content\/uploads\/2023\/11\/Capture-decran-le-2023-11-20-a-15.16.48.png?fit=300%2C170&#038;ssl=1\" data-large-file=\"https:\/\/i0.wp.com\/itayachtscanada.com\/wp-content\/uploads\/2023\/11\/Capture-decran-le-2023-11-20-a-15.16.48.png?fit=700%2C398&#038;ssl=1\" src=\"https:\/\/i0.wp.com\/itayachtscanada.com\/wp-content\/uploads\/2023\/11\/Capture-decran-le-2023-11-20-a-15.16.48.png?w=241&#038;h=137&#038;ssl=1\" srcset=\"https:\/\/i0.wp.com\/itayachtscanada.com\/wp-content\/uploads\/2023\/11\/Capture-decran-le-2023-11-20-a-15.16.48.png?w=2018&amp;ssl=1 2018w, https:\/\/i0.wp.com\/itayachtscanada.com\/wp-content\/uploads\/2023\/11\/Capture-decran-le-2023-11-20-a-15.16.48.png?resize=300%2C170&amp;ssl=1 300w, https:\/\/i0.wp.com\/itayachtscanada.com\/wp-content\/uploads\/2023\/11\/Capture-decran-le-2023-11-20-a-15.16.48.png?resize=1024%2C582&amp;ssl=1 1024w, https:\/\/i0.wp.com\/itayachtscanada.com\/wp-content\/uploads\/2023\/11\/Capture-decran-le-2023-11-20-a-15.16.48.png?resize=768%2C436&amp;ssl=1 768w, https:\/\/i0.wp.com\/itayachtscanada.com\/wp-content\/uploads\/2023\/11\/Capture-decran-le-2023-11-20-a-15.16.48.png?resize=1536%2C872&amp;ssl=1 1536w, https:\/\/i0.wp.com\/itayachtscanada.com\/wp-content\/uploads\/2023\/11\/Capture-decran-le-2023-11-20-a-15.16.48.png?resize=1200%2C681&amp;ssl=1 1200w, https:\/\/i0.wp.com\/itayachtscanada.com\/wp-content\/uploads\/2023\/11\/Capture-decran-le-2023-11-20-a-15.16.48.png?resize=2000%2C1136&amp;ssl=1 2000w, https:\/\/i0.wp.com\/itayachtscanada.com\/wp-content\/uploads\/2023\/11\/Capture-decran-le-2023-11-20-a-15.16.48.png?resize=700%2C398&amp;ssl=1 700w, https:\/\/i0.wp.com\/itayachtscanada.com\/wp-content\/uploads\/2023\/11\/Capture-decran-le-2023-11-20-a-15.16.48.png?resize=704%2C400&amp;ssl=1 704w, https:\/\/i0.wp.com\/itayachtscanada.com\/wp-content\/uploads\/2023\/11\/Capture-decran-le-2023-11-20-a-15.16.48.png?w=1400&amp;ssl=1 1400w\" width=\"241\" height=\"137\" loading=\"lazy\" data-original-width=\"241\" data-original-height=\"137\" itemprop=\"http:\/\/schema.org\/image\" title=\"Capture d\u2019\u00e9cran, le 2023-11-20 \u00e0 15.16.48\" alt=\"Capture d\u2019\u00e9cran, le 2023-11-20 \u00e0 15.16.48\" style=\"width: 241px; height: 137px;\" \/> <\/a> <\/div> <div class=\"tiled-gallery-item tiled-gallery-item-small\" itemprop=\"associatedMedia\" itemscope itemtype=\"http:\/\/schema.org\/ImageObject\"> <a href=\"https:\/\/itayachtscanada.com\/fr\/listing\/sunreef-80-sail-2022-8677777-usd-for-sale\/capture-decran-le-2023-11-20-a-15-16-31\/\" border=\"0\" itemprop=\"url\"> <meta itemprop=\"width\" content=\"241\"> <meta itemprop=\"height\" content=\"161\"> <img decoding=\"async\" class=\"\" data-attachment-id=\"142170\" data-orig-file=\"https:\/\/itayachtscanada.com\/wp-content\/uploads\/2023\/11\/Capture-decran-le-2023-11-20-a-15.16.31.png\" data-orig-size=\"1712,1146\" data-comments-opened=\"1\" data-image-meta=\"{&quot;aperture&quot;:&quot;0&quot;,&quot;credit&quot;:&quot;&quot;,&quot;camera&quot;:&quot;&quot;,&quot;caption&quot;:&quot;&quot;,&quot;created_timestamp&quot;:&quot;0&quot;,&quot;copyright&quot;:&quot;&quot;,&quot;focal_length&quot;:&quot;0&quot;,&quot;iso&quot;:&quot;0&quot;,&quot;shutter_speed&quot;:&quot;0&quot;,&quot;title&quot;:&quot;&quot;,&quot;orientation&quot;:&quot;0&quot;}\" data-image-title=\"Capture d\u2019\u00e9cran, le 2023-11-20 \u00e0 15.16.31\" data-image-description=\"\" data-medium-file=\"https:\/\/i0.wp.com\/itayachtscanada.com\/wp-content\/uploads\/2023\/11\/Capture-decran-le-2023-11-20-a-15.16.31.png?fit=300%2C201&#038;ssl=1\" data-large-file=\"https:\/\/i0.wp.com\/itayachtscanada.com\/wp-content\/uploads\/2023\/11\/Capture-decran-le-2023-11-20-a-15.16.31.png?fit=700%2C468&#038;ssl=1\" src=\"https:\/\/i0.wp.com\/itayachtscanada.com\/wp-content\/uploads\/2023\/11\/Capture-decran-le-2023-11-20-a-15.16.31.png?w=241&#038;h=161&#038;ssl=1\" srcset=\"https:\/\/i0.wp.com\/itayachtscanada.com\/wp-content\/uploads\/2023\/11\/Capture-decran-le-2023-11-20-a-15.16.31.png?w=1712&amp;ssl=1 1712w, https:\/\/i0.wp.com\/itayachtscanada.com\/wp-content\/uploads\/2023\/11\/Capture-decran-le-2023-11-20-a-15.16.31.png?resize=300%2C201&amp;ssl=1 300w, https:\/\/i0.wp.com\/itayachtscanada.com\/wp-content\/uploads\/2023\/11\/Capture-decran-le-2023-11-20-a-15.16.31.png?resize=1024%2C685&amp;ssl=1 1024w, https:\/\/i0.wp.com\/itayachtscanada.com\/wp-content\/uploads\/2023\/11\/Capture-decran-le-2023-11-20-a-15.16.31.png?resize=768%2C514&amp;ssl=1 768w, https:\/\/i0.wp.com\/itayachtscanada.com\/wp-content\/uploads\/2023\/11\/Capture-decran-le-2023-11-20-a-15.16.31.png?resize=1536%2C1028&amp;ssl=1 1536w, https:\/\/i0.wp.com\/itayachtscanada.com\/wp-content\/uploads\/2023\/11\/Capture-decran-le-2023-11-20-a-15.16.31.png?resize=1200%2C803&amp;ssl=1 1200w, https:\/\/i0.wp.com\/itayachtscanada.com\/wp-content\/uploads\/2023\/11\/Capture-decran-le-2023-11-20-a-15.16.31.png?resize=700%2C469&amp;ssl=1 700w, https:\/\/i0.wp.com\/itayachtscanada.com\/wp-content\/uploads\/2023\/11\/Capture-decran-le-2023-11-20-a-15.16.31.png?resize=900%2C600&amp;ssl=1 900w, https:\/\/i0.wp.com\/itayachtscanada.com\/wp-content\/uploads\/2023\/11\/Capture-decran-le-2023-11-20-a-15.16.31.png?resize=598%2C400&amp;ssl=1 598w, https:\/\/i0.wp.com\/itayachtscanada.com\/wp-content\/uploads\/2023\/11\/Capture-decran-le-2023-11-20-a-15.16.31.png?w=1400&amp;ssl=1 1400w\" width=\"241\" height=\"161\" loading=\"lazy\" data-original-width=\"241\" data-original-height=\"161\" itemprop=\"http:\/\/schema.org\/image\" title=\"Capture d\u2019\u00e9cran, le 2023-11-20 \u00e0 15.16.31\" alt=\"Capture d\u2019\u00e9cran, le 2023-11-20 \u00e0 15.16.31\" style=\"width: 241px; height: 161px;\" \/> <\/a> <\/div> <\/div> <!-- close group --> <div class=\"gallery-group images-1\" style=\"width: 455px; height: 306px;\" data-original-width=\"455\" data-original-height=\"306\" > <div class=\"tiled-gallery-item tiled-gallery-item-large\" itemprop=\"associatedMedia\" itemscope itemtype=\"http:\/\/schema.org\/ImageObject\"> <a href=\"https:\/\/itayachtscanada.com\/fr\/listing\/sunreef-80-sail-2022-8677777-usd-for-sale\/capture-decran-le-2023-11-20-a-15-16-40\/\" border=\"0\" itemprop=\"url\"> <meta itemprop=\"width\" content=\"451\"> <meta itemprop=\"height\" content=\"302\"> <img decoding=\"async\" class=\"\" data-attachment-id=\"142167\" data-orig-file=\"https:\/\/itayachtscanada.com\/wp-content\/uploads\/2023\/11\/Capture-decran-le-2023-11-20-a-15.16.40.png\" data-orig-size=\"1712,1146\" data-comments-opened=\"1\" data-image-meta=\"{&quot;aperture&quot;:&quot;0&quot;,&quot;credit&quot;:&quot;&quot;,&quot;camera&quot;:&quot;&quot;,&quot;caption&quot;:&quot;&quot;,&quot;created_timestamp&quot;:&quot;0&quot;,&quot;copyright&quot;:&quot;&quot;,&quot;focal_length&quot;:&quot;0&quot;,&quot;iso&quot;:&quot;0&quot;,&quot;shutter_speed&quot;:&quot;0&quot;,&quot;title&quot;:&quot;&quot;,&quot;orientation&quot;:&quot;0&quot;}\" data-image-title=\"Capture d\u2019\u00e9cran, le 2023-11-20 \u00e0 15.16.40\" data-image-description=\"\" data-medium-file=\"https:\/\/i0.wp.com\/itayachtscanada.com\/wp-content\/uploads\/2023\/11\/Capture-decran-le-2023-11-20-a-15.16.40.png?fit=300%2C201&#038;ssl=1\" data-large-file=\"https:\/\/i0.wp.com\/itayachtscanada.com\/wp-content\/uploads\/2023\/11\/Capture-decran-le-2023-11-20-a-15.16.40.png?fit=700%2C468&#038;ssl=1\" src=\"https:\/\/i0.wp.com\/itayachtscanada.com\/wp-content\/uploads\/2023\/11\/Capture-decran-le-2023-11-20-a-15.16.40.png?w=451&#038;h=302&#038;ssl=1\" srcset=\"https:\/\/i0.wp.com\/itayachtscanada.com\/wp-content\/uploads\/2023\/11\/Capture-decran-le-2023-11-20-a-15.16.40.png?w=1712&amp;ssl=1 1712w, https:\/\/i0.wp.com\/itayachtscanada.com\/wp-content\/uploads\/2023\/11\/Capture-decran-le-2023-11-20-a-15.16.40.png?resize=300%2C201&amp;ssl=1 300w, https:\/\/i0.wp.com\/itayachtscanada.com\/wp-content\/uploads\/2023\/11\/Capture-decran-le-2023-11-20-a-15.16.40.png?resize=1024%2C685&amp;ssl=1 1024w, https:\/\/i0.wp.com\/itayachtscanada.com\/wp-content\/uploads\/2023\/11\/Capture-decran-le-2023-11-20-a-15.16.40.png?resize=768%2C514&amp;ssl=1 768w, https:\/\/i0.wp.com\/itayachtscanada.com\/wp-content\/uploads\/2023\/11\/Capture-decran-le-2023-11-20-a-15.16.40.png?resize=1536%2C1028&amp;ssl=1 1536w, https:\/\/i0.wp.com\/itayachtscanada.com\/wp-content\/uploads\/2023\/11\/Capture-decran-le-2023-11-20-a-15.16.40.png?resize=1200%2C803&amp;ssl=1 1200w, https:\/\/i0.wp.com\/itayachtscanada.com\/wp-content\/uploads\/2023\/11\/Capture-decran-le-2023-11-20-a-15.16.40.png?resize=700%2C469&amp;ssl=1 700w, https:\/\/i0.wp.com\/itayachtscanada.com\/wp-content\/uploads\/2023\/11\/Capture-decran-le-2023-11-20-a-15.16.40.png?resize=900%2C600&amp;ssl=1 900w, https:\/\/i0.wp.com\/itayachtscanada.com\/wp-content\/uploads\/2023\/11\/Capture-decran-le-2023-11-20-a-15.16.40.png?resize=598%2C400&amp;ssl=1 598w, https:\/\/i0.wp.com\/itayachtscanada.com\/wp-content\/uploads\/2023\/11\/Capture-decran-le-2023-11-20-a-15.16.40.png?w=1400&amp;ssl=1 1400w\" width=\"451\" height=\"302\" loading=\"lazy\" data-original-width=\"451\" data-original-height=\"302\" itemprop=\"http:\/\/schema.org\/image\" title=\"Capture d\u2019\u00e9cran, le 2023-11-20 \u00e0 15.16.40\" alt=\"Capture d\u2019\u00e9cran, le 2023-11-20 \u00e0 15.16.40\" style=\"width: 451px; height: 302px;\" \/> <\/a> <\/div> <\/div> <!-- close group --> <\/div> <!-- close row --> <div class=\"gallery-row\" style=\"width: 700px; height: 314px;\" data-original-width=\"700\" data-original-height=\"314\" > <div class=\"gallery-group images-1\" style=\"width: 467px; height: 314px;\" data-original-width=\"467\" data-original-height=\"314\" > <div class=\"tiled-gallery-item tiled-gallery-item-large\" itemprop=\"associatedMedia\" itemscope itemtype=\"http:\/\/schema.org\/ImageObject\"> <a href=\"https:\/\/itayachtscanada.com\/fr\/listing\/sunreef-80-sail-2022-8677777-usd-for-sale\/capture-decran-le-2023-11-20-a-15-16-27\/\" border=\"0\" itemprop=\"url\"> <meta itemprop=\"width\" content=\"463\"> <meta itemprop=\"height\" content=\"310\"> <img decoding=\"async\" class=\"\" data-attachment-id=\"142171\" data-orig-file=\"https:\/\/itayachtscanada.com\/wp-content\/uploads\/2023\/11\/Capture-decran-le-2023-11-20-a-15.16.27.png\" data-orig-size=\"1712,1146\" data-comments-opened=\"1\" data-image-meta=\"{&quot;aperture&quot;:&quot;0&quot;,&quot;credit&quot;:&quot;&quot;,&quot;camera&quot;:&quot;&quot;,&quot;caption&quot;:&quot;&quot;,&quot;created_timestamp&quot;:&quot;0&quot;,&quot;copyright&quot;:&quot;&quot;,&quot;focal_length&quot;:&quot;0&quot;,&quot;iso&quot;:&quot;0&quot;,&quot;shutter_speed&quot;:&quot;0&quot;,&quot;title&quot;:&quot;&quot;,&quot;orientation&quot;:&quot;0&quot;}\" data-image-title=\"Capture d\u2019\u00e9cran, le 2023-11-20 \u00e0 15.16.27\" data-image-description=\"\" data-medium-file=\"https:\/\/i0.wp.com\/itayachtscanada.com\/wp-content\/uploads\/2023\/11\/Capture-decran-le-2023-11-20-a-15.16.27.png?fit=300%2C201&#038;ssl=1\" data-large-file=\"https:\/\/i0.wp.com\/itayachtscanada.com\/wp-content\/uploads\/2023\/11\/Capture-decran-le-2023-11-20-a-15.16.27.png?fit=700%2C468&#038;ssl=1\" src=\"https:\/\/i0.wp.com\/itayachtscanada.com\/wp-content\/uploads\/2023\/11\/Capture-decran-le-2023-11-20-a-15.16.27.png?w=463&#038;h=310&#038;ssl=1\" srcset=\"https:\/\/i0.wp.com\/itayachtscanada.com\/wp-content\/uploads\/2023\/11\/Capture-decran-le-2023-11-20-a-15.16.27.png?w=1712&amp;ssl=1 1712w, https:\/\/i0.wp.com\/itayachtscanada.com\/wp-content\/uploads\/2023\/11\/Capture-decran-le-2023-11-20-a-15.16.27.png?resize=300%2C201&amp;ssl=1 300w, https:\/\/i0.wp.com\/itayachtscanada.com\/wp-content\/uploads\/2023\/11\/Capture-decran-le-2023-11-20-a-15.16.27.png?resize=1024%2C685&amp;ssl=1 1024w, https:\/\/i0.wp.com\/itayachtscanada.com\/wp-content\/uploads\/2023\/11\/Capture-decran-le-2023-11-20-a-15.16.27.png?resize=768%2C514&amp;ssl=1 768w, https:\/\/i0.wp.com\/itayachtscanada.com\/wp-content\/uploads\/2023\/11\/Capture-decran-le-2023-11-20-a-15.16.27.png?resize=1536%2C1028&amp;ssl=1 1536w, https:\/\/i0.wp.com\/itayachtscanada.com\/wp-content\/uploads\/2023\/11\/Capture-decran-le-2023-11-20-a-15.16.27.png?resize=1200%2C803&amp;ssl=1 1200w, https:\/\/i0.wp.com\/itayachtscanada.com\/wp-content\/uploads\/2023\/11\/Capture-decran-le-2023-11-20-a-15.16.27.png?resize=700%2C469&amp;ssl=1 700w, https:\/\/i0.wp.com\/itayachtscanada.com\/wp-content\/uploads\/2023\/11\/Capture-decran-le-2023-11-20-a-15.16.27.png?resize=900%2C600&amp;ssl=1 900w, https:\/\/i0.wp.com\/itayachtscanada.com\/wp-content\/uploads\/2023\/11\/Capture-decran-le-2023-11-20-a-15.16.27.png?resize=598%2C400&amp;ssl=1 598w, https:\/\/i0.wp.com\/itayachtscanada.com\/wp-content\/uploads\/2023\/11\/Capture-decran-le-2023-11-20-a-15.16.27.png?w=1400&amp;ssl=1 1400w\" width=\"463\" height=\"310\" loading=\"lazy\" data-original-width=\"463\" data-original-height=\"310\" itemprop=\"http:\/\/schema.org\/image\" title=\"Capture d\u2019\u00e9cran, le 2023-11-20 \u00e0 15.16.27\" alt=\"Capture d\u2019\u00e9cran, le 2023-11-20 \u00e0 15.16.27\" style=\"width: 463px; height: 310px;\" \/> <\/a> <\/div> <\/div> <!-- close group --> <div class=\"gallery-group images-2\" style=\"width: 233px; height: 314px;\" data-original-width=\"233\" data-original-height=\"314\" > <div class=\"tiled-gallery-item tiled-gallery-item-small\" itemprop=\"associatedMedia\" itemscope itemtype=\"http:\/\/schema.org\/ImageObject\"> <a href=\"https:\/\/itayachtscanada.com\/fr\/listing\/sunreef-80-sail-2022-8677777-usd-for-sale\/capture-decran-le-2023-11-20-a-15-16-06\/\" border=\"0\" itemprop=\"url\"> <meta itemprop=\"width\" content=\"229\"> <meta itemprop=\"height\" content=\"153\"> <img decoding=\"async\" class=\"\" data-attachment-id=\"142178\" data-orig-file=\"https:\/\/itayachtscanada.com\/wp-content\/uploads\/2023\/11\/Capture-decran-le-2023-11-20-a-15.16.06.png\" data-orig-size=\"1712,1146\" data-comments-opened=\"1\" data-image-meta=\"{&quot;aperture&quot;:&quot;0&quot;,&quot;credit&quot;:&quot;&quot;,&quot;camera&quot;:&quot;&quot;,&quot;caption&quot;:&quot;&quot;,&quot;created_timestamp&quot;:&quot;0&quot;,&quot;copyright&quot;:&quot;&quot;,&quot;focal_length&quot;:&quot;0&quot;,&quot;iso&quot;:&quot;0&quot;,&quot;shutter_speed&quot;:&quot;0&quot;,&quot;title&quot;:&quot;&quot;,&quot;orientation&quot;:&quot;0&quot;}\" data-image-title=\"Capture d\u2019\u00e9cran, le 2023-11-20 \u00e0 15.16.06\" data-image-description=\"\" data-medium-file=\"https:\/\/i0.wp.com\/itayachtscanada.com\/wp-content\/uploads\/2023\/11\/Capture-decran-le-2023-11-20-a-15.16.06.png?fit=300%2C201&#038;ssl=1\" data-large-file=\"https:\/\/i0.wp.com\/itayachtscanada.com\/wp-content\/uploads\/2023\/11\/Capture-decran-le-2023-11-20-a-15.16.06.png?fit=700%2C468&#038;ssl=1\" src=\"https:\/\/i0.wp.com\/itayachtscanada.com\/wp-content\/uploads\/2023\/11\/Capture-decran-le-2023-11-20-a-15.16.06.png?w=229&#038;h=153&#038;ssl=1\" srcset=\"https:\/\/i0.wp.com\/itayachtscanada.com\/wp-content\/uploads\/2023\/11\/Capture-decran-le-2023-11-20-a-15.16.06.png?w=1712&amp;ssl=1 1712w, https:\/\/i0.wp.com\/itayachtscanada.com\/wp-content\/uploads\/2023\/11\/Capture-decran-le-2023-11-20-a-15.16.06.png?resize=300%2C201&amp;ssl=1 300w, https:\/\/i0.wp.com\/itayachtscanada.com\/wp-content\/uploads\/2023\/11\/Capture-decran-le-2023-11-20-a-15.16.06.png?resize=1024%2C685&amp;ssl=1 1024w, https:\/\/i0.wp.com\/itayachtscanada.com\/wp-content\/uploads\/2023\/11\/Capture-decran-le-2023-11-20-a-15.16.06.png?resize=768%2C514&amp;ssl=1 768w, https:\/\/i0.wp.com\/itayachtscanada.com\/wp-content\/uploads\/2023\/11\/Capture-decran-le-2023-11-20-a-15.16.06.png?resize=1536%2C1028&amp;ssl=1 1536w, https:\/\/i0.wp.com\/itayachtscanada.com\/wp-content\/uploads\/2023\/11\/Capture-decran-le-2023-11-20-a-15.16.06.png?resize=1200%2C803&amp;ssl=1 1200w, https:\/\/i0.wp.com\/itayachtscanada.com\/wp-content\/uploads\/2023\/11\/Capture-decran-le-2023-11-20-a-15.16.06.png?resize=700%2C469&amp;ssl=1 700w, https:\/\/i0.wp.com\/itayachtscanada.com\/wp-content\/uploads\/2023\/11\/Capture-decran-le-2023-11-20-a-15.16.06.png?resize=900%2C600&amp;ssl=1 900w, https:\/\/i0.wp.com\/itayachtscanada.com\/wp-content\/uploads\/2023\/11\/Capture-decran-le-2023-11-20-a-15.16.06.png?resize=598%2C400&amp;ssl=1 598w, https:\/\/i0.wp.com\/itayachtscanada.com\/wp-content\/uploads\/2023\/11\/Capture-decran-le-2023-11-20-a-15.16.06.png?w=1400&amp;ssl=1 1400w\" width=\"229\" height=\"153\" loading=\"lazy\" data-original-width=\"229\" data-original-height=\"153\" itemprop=\"http:\/\/schema.org\/image\" title=\"Capture d\u2019\u00e9cran, le 2023-11-20 \u00e0 15.16.06\" alt=\"Capture d\u2019\u00e9cran, le 2023-11-20 \u00e0 15.16.06\" style=\"width: 229px; height: 153px;\" \/> <\/a> <\/div> <div class=\"tiled-gallery-item tiled-gallery-item-small\" itemprop=\"associatedMedia\" itemscope itemtype=\"http:\/\/schema.org\/ImageObject\"> <a href=\"https:\/\/itayachtscanada.com\/fr\/listing\/sunreef-80-sail-2022-8677777-usd-for-sale\/capture-decran-le-2023-11-20-a-15-16-24\/\" border=\"0\" itemprop=\"url\"> <meta itemprop=\"width\" content=\"229\"> <meta itemprop=\"height\" content=\"153\"> <img decoding=\"async\" class=\"\" data-attachment-id=\"142172\" data-orig-file=\"https:\/\/itayachtscanada.com\/wp-content\/uploads\/2023\/11\/Capture-decran-le-2023-11-20-a-15.16.24.png\" data-orig-size=\"1712,1146\" data-comments-opened=\"1\" data-image-meta=\"{&quot;aperture&quot;:&quot;0&quot;,&quot;credit&quot;:&quot;&quot;,&quot;camera&quot;:&quot;&quot;,&quot;caption&quot;:&quot;&quot;,&quot;created_timestamp&quot;:&quot;0&quot;,&quot;copyright&quot;:&quot;&quot;,&quot;focal_length&quot;:&quot;0&quot;,&quot;iso&quot;:&quot;0&quot;,&quot;shutter_speed&quot;:&quot;0&quot;,&quot;title&quot;:&quot;&quot;,&quot;orientation&quot;:&quot;0&quot;}\" data-image-title=\"Capture d\u2019\u00e9cran, le 2023-11-20 \u00e0 15.16.24\" data-image-description=\"\" data-medium-file=\"https:\/\/i0.wp.com\/itayachtscanada.com\/wp-content\/uploads\/2023\/11\/Capture-decran-le-2023-11-20-a-15.16.24.png?fit=300%2C201&#038;ssl=1\" data-large-file=\"https:\/\/i0.wp.com\/itayachtscanada.com\/wp-content\/uploads\/2023\/11\/Capture-decran-le-2023-11-20-a-15.16.24.png?fit=700%2C468&#038;ssl=1\" src=\"https:\/\/i0.wp.com\/itayachtscanada.com\/wp-content\/uploads\/2023\/11\/Capture-decran-le-2023-11-20-a-15.16.24.png?w=229&#038;h=153&#038;ssl=1\" srcset=\"https:\/\/i0.wp.com\/itayachtscanada.com\/wp-content\/uploads\/2023\/11\/Capture-decran-le-2023-11-20-a-15.16.24.png?w=1712&amp;ssl=1 1712w, https:\/\/i0.wp.com\/itayachtscanada.com\/wp-content\/uploads\/2023\/11\/Capture-decran-le-2023-11-20-a-15.16.24.png?resize=300%2C201&amp;ssl=1 300w, https:\/\/i0.wp.com\/itayachtscanada.com\/wp-content\/uploads\/2023\/11\/Capture-decran-le-2023-11-20-a-15.16.24.png?resize=1024%2C685&amp;ssl=1 1024w, https:\/\/i0.wp.com\/itayachtscanada.com\/wp-content\/uploads\/2023\/11\/Capture-decran-le-2023-11-20-a-15.16.24.png?resize=768%2C514&amp;ssl=1 768w, https:\/\/i0.wp.com\/itayachtscanada.com\/wp-content\/uploads\/2023\/11\/Capture-decran-le-2023-11-20-a-15.16.24.png?resize=1536%2C1028&amp;ssl=1 1536w, https:\/\/i0.wp.com\/itayachtscanada.com\/wp-content\/uploads\/2023\/11\/Capture-decran-le-2023-11-20-a-15.16.24.png?resize=1200%2C803&amp;ssl=1 1200w, https:\/\/i0.wp.com\/itayachtscanada.com\/wp-content\/uploads\/2023\/11\/Capture-decran-le-2023-11-20-a-15.16.24.png?resize=700%2C469&amp;ssl=1 700w, https:\/\/i0.wp.com\/itayachtscanada.com\/wp-content\/uploads\/2023\/11\/Capture-decran-le-2023-11-20-a-15.16.24.png?resize=900%2C600&amp;ssl=1 900w, https:\/\/i0.wp.com\/itayachtscanada.com\/wp-content\/uploads\/2023\/11\/Capture-decran-le-2023-11-20-a-15.16.24.png?resize=598%2C400&amp;ssl=1 598w, https:\/\/i0.wp.com\/itayachtscanada.com\/wp-content\/uploads\/2023\/11\/Capture-decran-le-2023-11-20-a-15.16.24.png?w=1400&amp;ssl=1 1400w\" width=\"229\" height=\"153\" loading=\"lazy\" data-original-width=\"229\" data-original-height=\"153\" itemprop=\"http:\/\/schema.org\/image\" title=\"Capture d\u2019\u00e9cran, le 2023-11-20 \u00e0 15.16.24\" alt=\"Capture d\u2019\u00e9cran, le 2023-11-20 \u00e0 15.16.24\" style=\"width: 229px; height: 153px;\" \/> <\/a> <\/div> <\/div> <!-- close group --> <\/div> <!-- close row --> <div class=\"gallery-row\" style=\"width: 700px; height: 158px;\" data-original-width=\"700\" data-original-height=\"158\" > <div class=\"gallery-group images-1\" style=\"width: 234px; height: 158px;\" data-original-width=\"234\" data-original-height=\"158\" > <div class=\"tiled-gallery-item tiled-gallery-item-small\" itemprop=\"associatedMedia\" itemscope itemtype=\"http:\/\/schema.org\/ImageObject\"> <a href=\"https:\/\/itayachtscanada.com\/fr\/listing\/sunreef-80-sail-2022-8677777-usd-for-sale\/capture-decran-le-2023-11-20-a-15-16-37\/\" border=\"0\" itemprop=\"url\"> <meta itemprop=\"width\" content=\"230\"> <meta itemprop=\"height\" content=\"154\"> <img decoding=\"async\" class=\"\" data-attachment-id=\"142168\" data-orig-file=\"https:\/\/itayachtscanada.com\/wp-content\/uploads\/2023\/11\/Capture-decran-le-2023-11-20-a-15.16.37.png\" data-orig-size=\"1712,1146\" data-comments-opened=\"1\" data-image-meta=\"{&quot;aperture&quot;:&quot;0&quot;,&quot;credit&quot;:&quot;&quot;,&quot;camera&quot;:&quot;&quot;,&quot;caption&quot;:&quot;&quot;,&quot;created_timestamp&quot;:&quot;0&quot;,&quot;copyright&quot;:&quot;&quot;,&quot;focal_length&quot;:&quot;0&quot;,&quot;iso&quot;:&quot;0&quot;,&quot;shutter_speed&quot;:&quot;0&quot;,&quot;title&quot;:&quot;&quot;,&quot;orientation&quot;:&quot;0&quot;}\" data-image-title=\"Capture d\u2019\u00e9cran, le 2023-11-20 \u00e0 15.16.37\" data-image-description=\"\" data-medium-file=\"https:\/\/i0.wp.com\/itayachtscanada.com\/wp-content\/uploads\/2023\/11\/Capture-decran-le-2023-11-20-a-15.16.37.png?fit=300%2C201&#038;ssl=1\" data-large-file=\"https:\/\/i0.wp.com\/itayachtscanada.com\/wp-content\/uploads\/2023\/11\/Capture-decran-le-2023-11-20-a-15.16.37.png?fit=700%2C468&#038;ssl=1\" src=\"https:\/\/i0.wp.com\/itayachtscanada.com\/wp-content\/uploads\/2023\/11\/Capture-decran-le-2023-11-20-a-15.16.37.png?w=230&#038;h=154&#038;ssl=1\" srcset=\"https:\/\/i0.wp.com\/itayachtscanada.com\/wp-content\/uploads\/2023\/11\/Capture-decran-le-2023-11-20-a-15.16.37.png?w=1712&amp;ssl=1 1712w, https:\/\/i0.wp.com\/itayachtscanada.com\/wp-content\/uploads\/2023\/11\/Capture-decran-le-2023-11-20-a-15.16.37.png?resize=300%2C201&amp;ssl=1 300w, https:\/\/i0.wp.com\/itayachtscanada.com\/wp-content\/uploads\/2023\/11\/Capture-decran-le-2023-11-20-a-15.16.37.png?resize=1024%2C685&amp;ssl=1 1024w, https:\/\/i0.wp.com\/itayachtscanada.com\/wp-content\/uploads\/2023\/11\/Capture-decran-le-2023-11-20-a-15.16.37.png?resize=768%2C514&amp;ssl=1 768w, https:\/\/i0.wp.com\/itayachtscanada.com\/wp-content\/uploads\/2023\/11\/Capture-decran-le-2023-11-20-a-15.16.37.png?resize=1536%2C1028&amp;ssl=1 1536w, https:\/\/i0.wp.com\/itayachtscanada.com\/wp-content\/uploads\/2023\/11\/Capture-decran-le-2023-11-20-a-15.16.37.png?resize=1200%2C803&amp;ssl=1 1200w, https:\/\/i0.wp.com\/itayachtscanada.com\/wp-content\/uploads\/2023\/11\/Capture-decran-le-2023-11-20-a-15.16.37.png?resize=700%2C469&amp;ssl=1 700w, https:\/\/i0.wp.com\/itayachtscanada.com\/wp-content\/uploads\/2023\/11\/Capture-decran-le-2023-11-20-a-15.16.37.png?resize=900%2C600&amp;ssl=1 900w, https:\/\/i0.wp.com\/itayachtscanada.com\/wp-content\/uploads\/2023\/11\/Capture-decran-le-2023-11-20-a-15.16.37.png?resize=598%2C400&amp;ssl=1 598w, https:\/\/i0.wp.com\/itayachtscanada.com\/wp-content\/uploads\/2023\/11\/Capture-decran-le-2023-11-20-a-15.16.37.png?w=1400&amp;ssl=1 1400w\" width=\"230\" height=\"154\" loading=\"lazy\" data-original-width=\"230\" data-original-height=\"154\" itemprop=\"http:\/\/schema.org\/image\" title=\"Capture d\u2019\u00e9cran, le 2023-11-20 \u00e0 15.16.37\" alt=\"Capture d\u2019\u00e9cran, le 2023-11-20 \u00e0 15.16.37\" style=\"width: 230px; height: 154px;\" \/> <\/a> <\/div> <\/div> <!-- close group --> <div class=\"gallery-group images-1\" style=\"width: 233px; height: 158px;\" data-original-width=\"233\" data-original-height=\"158\" > <div class=\"tiled-gallery-item tiled-gallery-item-small\" itemprop=\"associatedMedia\" itemscope itemtype=\"http:\/\/schema.org\/ImageObject\"> <a href=\"https:\/\/itayachtscanada.com\/fr\/listing\/sunreef-80-sail-2022-8677777-usd-for-sale\/capture-decran-le-2023-11-20-a-15-16-21\/\" border=\"0\" itemprop=\"url\"> <meta itemprop=\"width\" content=\"229\"> <meta itemprop=\"height\" content=\"154\"> <img decoding=\"async\" class=\"\" data-attachment-id=\"142173\" data-orig-file=\"https:\/\/itayachtscanada.com\/wp-content\/uploads\/2023\/11\/Capture-decran-le-2023-11-20-a-15.16.21.png\" data-orig-size=\"1712,1146\" data-comments-opened=\"1\" data-image-meta=\"{&quot;aperture&quot;:&quot;0&quot;,&quot;credit&quot;:&quot;&quot;,&quot;camera&quot;:&quot;&quot;,&quot;caption&quot;:&quot;&quot;,&quot;created_timestamp&quot;:&quot;0&quot;,&quot;copyright&quot;:&quot;&quot;,&quot;focal_length&quot;:&quot;0&quot;,&quot;iso&quot;:&quot;0&quot;,&quot;shutter_speed&quot;:&quot;0&quot;,&quot;title&quot;:&quot;&quot;,&quot;orientation&quot;:&quot;0&quot;}\" data-image-title=\"Capture d\u2019\u00e9cran, le 2023-11-20 \u00e0 15.16.21\" data-image-description=\"\" data-medium-file=\"https:\/\/i0.wp.com\/itayachtscanada.com\/wp-content\/uploads\/2023\/11\/Capture-decran-le-2023-11-20-a-15.16.21.png?fit=300%2C201&#038;ssl=1\" data-large-file=\"https:\/\/i0.wp.com\/itayachtscanada.com\/wp-content\/uploads\/2023\/11\/Capture-decran-le-2023-11-20-a-15.16.21.png?fit=700%2C468&#038;ssl=1\" src=\"https:\/\/i0.wp.com\/itayachtscanada.com\/wp-content\/uploads\/2023\/11\/Capture-decran-le-2023-11-20-a-15.16.21.png?w=229&#038;h=154&#038;ssl=1\" srcset=\"https:\/\/i0.wp.com\/itayachtscanada.com\/wp-content\/uploads\/2023\/11\/Capture-decran-le-2023-11-20-a-15.16.21.png?w=1712&amp;ssl=1 1712w, https:\/\/i0.wp.com\/itayachtscanada.com\/wp-content\/uploads\/2023\/11\/Capture-decran-le-2023-11-20-a-15.16.21.png?resize=300%2C201&amp;ssl=1 300w, https:\/\/i0.wp.com\/itayachtscanada.com\/wp-content\/uploads\/2023\/11\/Capture-decran-le-2023-11-20-a-15.16.21.png?resize=1024%2C685&amp;ssl=1 1024w, https:\/\/i0.wp.com\/itayachtscanada.com\/wp-content\/uploads\/2023\/11\/Capture-decran-le-2023-11-20-a-15.16.21.png?resize=768%2C514&amp;ssl=1 768w, https:\/\/i0.wp.com\/itayachtscanada.com\/wp-content\/uploads\/2023\/11\/Capture-decran-le-2023-11-20-a-15.16.21.png?resize=1536%2C1028&amp;ssl=1 1536w, https:\/\/i0.wp.com\/itayachtscanada.com\/wp-content\/uploads\/2023\/11\/Capture-decran-le-2023-11-20-a-15.16.21.png?resize=1200%2C803&amp;ssl=1 1200w, https:\/\/i0.wp.com\/itayachtscanada.com\/wp-content\/uploads\/2023\/11\/Capture-decran-le-2023-11-20-a-15.16.21.png?resize=700%2C469&amp;ssl=1 700w, https:\/\/i0.wp.com\/itayachtscanada.com\/wp-content\/uploads\/2023\/11\/Capture-decran-le-2023-11-20-a-15.16.21.png?resize=900%2C600&amp;ssl=1 900w, https:\/\/i0.wp.com\/itayachtscanada.com\/wp-content\/uploads\/2023\/11\/Capture-decran-le-2023-11-20-a-15.16.21.png?resize=598%2C400&amp;ssl=1 598w, https:\/\/i0.wp.com\/itayachtscanada.com\/wp-content\/uploads\/2023\/11\/Capture-decran-le-2023-11-20-a-15.16.21.png?w=1400&amp;ssl=1 1400w\" width=\"229\" height=\"154\" loading=\"lazy\" data-original-width=\"229\" data-original-height=\"154\" itemprop=\"http:\/\/schema.org\/image\" title=\"Capture d\u2019\u00e9cran, le 2023-11-20 \u00e0 15.16.21\" alt=\"Capture d\u2019\u00e9cran, le 2023-11-20 \u00e0 15.16.21\" style=\"width: 229px; height: 154px;\" \/> <\/a> <\/div> <\/div> <!-- close group --> <div class=\"gallery-group images-1\" style=\"width: 233px; height: 158px;\" data-original-width=\"233\" data-original-height=\"158\" > <div class=\"tiled-gallery-item tiled-gallery-item-small\" itemprop=\"associatedMedia\" itemscope itemtype=\"http:\/\/schema.org\/ImageObject\"> <a href=\"https:\/\/itayachtscanada.com\/fr\/listing\/sunreef-80-sail-2022-8677777-usd-for-sale\/capture-decran-le-2023-11-20-a-15-15-55\/\" border=\"0\" itemprop=\"url\"> <meta itemprop=\"width\" content=\"229\"> <meta itemprop=\"height\" content=\"154\"> <img decoding=\"async\" class=\"\" data-attachment-id=\"142181\" data-orig-file=\"https:\/\/itayachtscanada.com\/wp-content\/uploads\/2023\/11\/Capture-decran-le-2023-11-20-a-15.15.55.png\" data-orig-size=\"1712,1146\" data-comments-opened=\"1\" data-image-meta=\"{&quot;aperture&quot;:&quot;0&quot;,&quot;credit&quot;:&quot;&quot;,&quot;camera&quot;:&quot;&quot;,&quot;caption&quot;:&quot;&quot;,&quot;created_timestamp&quot;:&quot;0&quot;,&quot;copyright&quot;:&quot;&quot;,&quot;focal_length&quot;:&quot;0&quot;,&quot;iso&quot;:&quot;0&quot;,&quot;shutter_speed&quot;:&quot;0&quot;,&quot;title&quot;:&quot;&quot;,&quot;orientation&quot;:&quot;0&quot;}\" data-image-title=\"Capture d\u2019\u00e9cran, le 2023-11-20 \u00e0 15.15.55\" data-image-description=\"\" data-medium-file=\"https:\/\/i0.wp.com\/itayachtscanada.com\/wp-content\/uploads\/2023\/11\/Capture-decran-le-2023-11-20-a-15.15.55.png?fit=300%2C201&#038;ssl=1\" data-large-file=\"https:\/\/i0.wp.com\/itayachtscanada.com\/wp-content\/uploads\/2023\/11\/Capture-decran-le-2023-11-20-a-15.15.55.png?fit=700%2C468&#038;ssl=1\" src=\"https:\/\/i0.wp.com\/itayachtscanada.com\/wp-content\/uploads\/2023\/11\/Capture-decran-le-2023-11-20-a-15.15.55.png?w=229&#038;h=154&#038;ssl=1\" srcset=\"https:\/\/i0.wp.com\/itayachtscanada.com\/wp-content\/uploads\/2023\/11\/Capture-decran-le-2023-11-20-a-15.15.55.png?w=1712&amp;ssl=1 1712w, https:\/\/i0.wp.com\/itayachtscanada.com\/wp-content\/uploads\/2023\/11\/Capture-decran-le-2023-11-20-a-15.15.55.png?resize=300%2C201&amp;ssl=1 300w, https:\/\/i0.wp.com\/itayachtscanada.com\/wp-content\/uploads\/2023\/11\/Capture-decran-le-2023-11-20-a-15.15.55.png?resize=1024%2C685&amp;ssl=1 1024w, https:\/\/i0.wp.com\/itayachtscanada.com\/wp-content\/uploads\/2023\/11\/Capture-decran-le-2023-11-20-a-15.15.55.png?resize=768%2C514&amp;ssl=1 768w, https:\/\/i0.wp.com\/itayachtscanada.com\/wp-content\/uploads\/2023\/11\/Capture-decran-le-2023-11-20-a-15.15.55.png?resize=1536%2C1028&amp;ssl=1 1536w, https:\/\/i0.wp.com\/itayachtscanada.com\/wp-content\/uploads\/2023\/11\/Capture-decran-le-2023-11-20-a-15.15.55.png?resize=1200%2C803&amp;ssl=1 1200w, https:\/\/i0.wp.com\/itayachtscanada.com\/wp-content\/uploads\/2023\/11\/Capture-decran-le-2023-11-20-a-15.15.55.png?resize=700%2C469&amp;ssl=1 700w, https:\/\/i0.wp.com\/itayachtscanada.com\/wp-content\/uploads\/2023\/11\/Capture-decran-le-2023-11-20-a-15.15.55.png?resize=900%2C600&amp;ssl=1 900w, https:\/\/i0.wp.com\/itayachtscanada.com\/wp-content\/uploads\/2023\/11\/Capture-decran-le-2023-11-20-a-15.15.55.png?resize=598%2C400&amp;ssl=1 598w, https:\/\/i0.wp.com\/itayachtscanada.com\/wp-content\/uploads\/2023\/11\/Capture-decran-le-2023-11-20-a-15.15.55.png?w=1400&amp;ssl=1 1400w\" width=\"229\" height=\"154\" loading=\"lazy\" data-original-width=\"229\" data-original-height=\"154\" itemprop=\"http:\/\/schema.org\/image\" title=\"Capture d\u2019\u00e9cran, le 2023-11-20 \u00e0 15.15.55\" alt=\"Capture d\u2019\u00e9cran, le 2023-11-20 \u00e0 15.15.55\" style=\"width: 229px; height: 154px;\" \/> <\/a> <\/div> <\/div> <!-- close group --> <\/div> <!-- close row --> <div class=\"gallery-row\" style=\"width: 700px; height: 236px;\" data-original-width=\"700\" data-original-height=\"236\" > <div class=\"gallery-group images-1\" style=\"width: 350px; height: 236px;\" data-original-width=\"350\" data-original-height=\"236\" > <div class=\"tiled-gallery-item tiled-gallery-item-large\" itemprop=\"associatedMedia\" itemscope itemtype=\"http:\/\/schema.org\/ImageObject\"> <a href=\"https:\/\/itayachtscanada.com\/fr\/listing\/sunreef-80-sail-2022-8677777-usd-for-sale\/capture-decran-le-2023-11-20-a-15-16-34\/\" border=\"0\" itemprop=\"url\"> <meta itemprop=\"width\" content=\"346\"> <meta itemprop=\"height\" content=\"232\"> <img decoding=\"async\" class=\"\" data-attachment-id=\"142169\" data-orig-file=\"https:\/\/itayachtscanada.com\/wp-content\/uploads\/2023\/11\/Capture-decran-le-2023-11-20-a-15.16.34.png\" data-orig-size=\"1712,1146\" data-comments-opened=\"1\" data-image-meta=\"{&quot;aperture&quot;:&quot;0&quot;,&quot;credit&quot;:&quot;&quot;,&quot;camera&quot;:&quot;&quot;,&quot;caption&quot;:&quot;&quot;,&quot;created_timestamp&quot;:&quot;0&quot;,&quot;copyright&quot;:&quot;&quot;,&quot;focal_length&quot;:&quot;0&quot;,&quot;iso&quot;:&quot;0&quot;,&quot;shutter_speed&quot;:&quot;0&quot;,&quot;title&quot;:&quot;&quot;,&quot;orientation&quot;:&quot;0&quot;}\" data-image-title=\"Capture d\u2019\u00e9cran, le 2023-11-20 \u00e0 15.16.34\" data-image-description=\"\" data-medium-file=\"https:\/\/i0.wp.com\/itayachtscanada.com\/wp-content\/uploads\/2023\/11\/Capture-decran-le-2023-11-20-a-15.16.34.png?fit=300%2C201&#038;ssl=1\" data-large-file=\"https:\/\/i0.wp.com\/itayachtscanada.com\/wp-content\/uploads\/2023\/11\/Capture-decran-le-2023-11-20-a-15.16.34.png?fit=700%2C468&#038;ssl=1\" src=\"https:\/\/i0.wp.com\/itayachtscanada.com\/wp-content\/uploads\/2023\/11\/Capture-decran-le-2023-11-20-a-15.16.34.png?w=346&#038;h=232&#038;ssl=1\" srcset=\"https:\/\/i0.wp.com\/itayachtscanada.com\/wp-content\/uploads\/2023\/11\/Capture-decran-le-2023-11-20-a-15.16.34.png?w=1712&amp;ssl=1 1712w, https:\/\/i0.wp.com\/itayachtscanada.com\/wp-content\/uploads\/2023\/11\/Capture-decran-le-2023-11-20-a-15.16.34.png?resize=300%2C201&amp;ssl=1 300w, https:\/\/i0.wp.com\/itayachtscanada.com\/wp-content\/uploads\/2023\/11\/Capture-decran-le-2023-11-20-a-15.16.34.png?resize=1024%2C685&amp;ssl=1 1024w, https:\/\/i0.wp.com\/itayachtscanada.com\/wp-content\/uploads\/2023\/11\/Capture-decran-le-2023-11-20-a-15.16.34.png?resize=768%2C514&amp;ssl=1 768w, https:\/\/i0.wp.com\/itayachtscanada.com\/wp-content\/uploads\/2023\/11\/Capture-decran-le-2023-11-20-a-15.16.34.png?resize=1536%2C1028&amp;ssl=1 1536w, https:\/\/i0.wp.com\/itayachtscanada.com\/wp-content\/uploads\/2023\/11\/Capture-decran-le-2023-11-20-a-15.16.34.png?resize=1200%2C803&amp;ssl=1 1200w, https:\/\/i0.wp.com\/itayachtscanada.com\/wp-content\/uploads\/2023\/11\/Capture-decran-le-2023-11-20-a-15.16.34.png?resize=700%2C469&amp;ssl=1 700w, https:\/\/i0.wp.com\/itayachtscanada.com\/wp-content\/uploads\/2023\/11\/Capture-decran-le-2023-11-20-a-15.16.34.png?resize=900%2C600&amp;ssl=1 900w, https:\/\/i0.wp.com\/itayachtscanada.com\/wp-content\/uploads\/2023\/11\/Capture-decran-le-2023-11-20-a-15.16.34.png?resize=598%2C400&amp;ssl=1 598w, https:\/\/i0.wp.com\/itayachtscanada.com\/wp-content\/uploads\/2023\/11\/Capture-decran-le-2023-11-20-a-15.16.34.png?w=1400&amp;ssl=1 1400w\" width=\"346\" height=\"232\" loading=\"lazy\" data-original-width=\"346\" data-original-height=\"232\" itemprop=\"http:\/\/schema.org\/image\" title=\"Capture d\u2019\u00e9cran, le 2023-11-20 \u00e0 15.16.34\" alt=\"Capture d\u2019\u00e9cran, le 2023-11-20 \u00e0 15.16.34\" style=\"width: 346px; height: 232px;\" \/> <\/a> <\/div> <\/div> <!-- close group --> <div class=\"gallery-group images-1\" style=\"width: 350px; height: 236px;\" data-original-width=\"350\" data-original-height=\"236\" > <div class=\"tiled-gallery-item tiled-gallery-item-large\" itemprop=\"associatedMedia\" itemscope itemtype=\"http:\/\/schema.org\/ImageObject\"> <a href=\"https:\/\/itayachtscanada.com\/fr\/listing\/sunreef-80-sail-2022-8677777-usd-for-sale\/capture-decran-le-2023-11-20-a-15-16-18\/\" border=\"0\" itemprop=\"url\"> <meta itemprop=\"width\" content=\"346\"> <meta itemprop=\"height\" content=\"232\"> <img decoding=\"async\" class=\"\" data-attachment-id=\"142174\" data-orig-file=\"https:\/\/itayachtscanada.com\/wp-content\/uploads\/2023\/11\/Capture-decran-le-2023-11-20-a-15.16.18.png\" data-orig-size=\"1712,1146\" data-comments-opened=\"1\" data-image-meta=\"{&quot;aperture&quot;:&quot;0&quot;,&quot;credit&quot;:&quot;&quot;,&quot;camera&quot;:&quot;&quot;,&quot;caption&quot;:&quot;&quot;,&quot;created_timestamp&quot;:&quot;0&quot;,&quot;copyright&quot;:&quot;&quot;,&quot;focal_length&quot;:&quot;0&quot;,&quot;iso&quot;:&quot;0&quot;,&quot;shutter_speed&quot;:&quot;0&quot;,&quot;title&quot;:&quot;&quot;,&quot;orientation&quot;:&quot;0&quot;}\" data-image-title=\"Capture d\u2019\u00e9cran, le 2023-11-20 \u00e0 15.16.18\" data-image-description=\"\" data-medium-file=\"https:\/\/i0.wp.com\/itayachtscanada.com\/wp-content\/uploads\/2023\/11\/Capture-decran-le-2023-11-20-a-15.16.18.png?fit=300%2C201&#038;ssl=1\" data-large-file=\"https:\/\/i0.wp.com\/itayachtscanada.com\/wp-content\/uploads\/2023\/11\/Capture-decran-le-2023-11-20-a-15.16.18.png?fit=700%2C468&#038;ssl=1\" src=\"https:\/\/i0.wp.com\/itayachtscanada.com\/wp-content\/uploads\/2023\/11\/Capture-decran-le-2023-11-20-a-15.16.18.png?w=346&#038;h=232&#038;ssl=1\" srcset=\"https:\/\/i0.wp.com\/itayachtscanada.com\/wp-content\/uploads\/2023\/11\/Capture-decran-le-2023-11-20-a-15.16.18.png?w=1712&amp;ssl=1 1712w, https:\/\/i0.wp.com\/itayachtscanada.com\/wp-content\/uploads\/2023\/11\/Capture-decran-le-2023-11-20-a-15.16.18.png?resize=300%2C201&amp;ssl=1 300w, https:\/\/i0.wp.com\/itayachtscanada.com\/wp-content\/uploads\/2023\/11\/Capture-decran-le-2023-11-20-a-15.16.18.png?resize=1024%2C685&amp;ssl=1 1024w, https:\/\/i0.wp.com\/itayachtscanada.com\/wp-content\/uploads\/2023\/11\/Capture-decran-le-2023-11-20-a-15.16.18.png?resize=768%2C514&amp;ssl=1 768w, https:\/\/i0.wp.com\/itayachtscanada.com\/wp-content\/uploads\/2023\/11\/Capture-decran-le-2023-11-20-a-15.16.18.png?resize=1536%2C1028&amp;ssl=1 1536w, https:\/\/i0.wp.com\/itayachtscanada.com\/wp-content\/uploads\/2023\/11\/Capture-decran-le-2023-11-20-a-15.16.18.png?resize=1200%2C803&amp;ssl=1 1200w, https:\/\/i0.wp.com\/itayachtscanada.com\/wp-content\/uploads\/2023\/11\/Capture-decran-le-2023-11-20-a-15.16.18.png?resize=700%2C469&amp;ssl=1 700w, https:\/\/i0.wp.com\/itayachtscanada.com\/wp-content\/uploads\/2023\/11\/Capture-decran-le-2023-11-20-a-15.16.18.png?resize=900%2C600&amp;ssl=1 900w, https:\/\/i0.wp.com\/itayachtscanada.com\/wp-content\/uploads\/2023\/11\/Capture-decran-le-2023-11-20-a-15.16.18.png?resize=598%2C400&amp;ssl=1 598w, https:\/\/i0.wp.com\/itayachtscanada.com\/wp-content\/uploads\/2023\/11\/Capture-decran-le-2023-11-20-a-15.16.18.png?w=1400&amp;ssl=1 1400w\" width=\"346\" height=\"232\" loading=\"lazy\" data-original-width=\"346\" data-original-height=\"232\" itemprop=\"http:\/\/schema.org\/image\" title=\"Capture d\u2019\u00e9cran, le 2023-11-20 \u00e0 15.16.18\" alt=\"Capture d\u2019\u00e9cran, le 2023-11-20 \u00e0 15.16.18\" style=\"width: 346px; height: 232px;\" \/> <\/a> <\/div> <\/div> <!-- close group --> <\/div> <!-- close row --> <div class=\"gallery-row\" style=\"width: 700px; height: 314px;\" data-original-width=\"700\" data-original-height=\"314\" > <div class=\"gallery-group images-2\" style=\"width: 233px; height: 314px;\" data-original-width=\"233\" data-original-height=\"314\" > <div class=\"tiled-gallery-item tiled-gallery-item-small\" itemprop=\"associatedMedia\" itemscope itemtype=\"http:\/\/schema.org\/ImageObject\"> <a href=\"https:\/\/itayachtscanada.com\/fr\/listing\/sunreef-80-sail-2022-8677777-usd-for-sale\/capture-decran-le-2023-11-20-a-15-16-15\/\" border=\"0\" itemprop=\"url\"> <meta itemprop=\"width\" content=\"229\"> <meta itemprop=\"height\" content=\"153\"> <img decoding=\"async\" class=\"\" data-attachment-id=\"142175\" data-orig-file=\"https:\/\/itayachtscanada.com\/wp-content\/uploads\/2023\/11\/Capture-decran-le-2023-11-20-a-15.16.15.png\" data-orig-size=\"1712,1146\" data-comments-opened=\"1\" data-image-meta=\"{&quot;aperture&quot;:&quot;0&quot;,&quot;credit&quot;:&quot;&quot;,&quot;camera&quot;:&quot;&quot;,&quot;caption&quot;:&quot;&quot;,&quot;created_timestamp&quot;:&quot;0&quot;,&quot;copyright&quot;:&quot;&quot;,&quot;focal_length&quot;:&quot;0&quot;,&quot;iso&quot;:&quot;0&quot;,&quot;shutter_speed&quot;:&quot;0&quot;,&quot;title&quot;:&quot;&quot;,&quot;orientation&quot;:&quot;0&quot;}\" data-image-title=\"Capture d\u2019\u00e9cran, le 2023-11-20 \u00e0 15.16.15\" data-image-description=\"\" data-medium-file=\"https:\/\/i0.wp.com\/itayachtscanada.com\/wp-content\/uploads\/2023\/11\/Capture-decran-le-2023-11-20-a-15.16.15.png?fit=300%2C201&#038;ssl=1\" data-large-file=\"https:\/\/i0.wp.com\/itayachtscanada.com\/wp-content\/uploads\/2023\/11\/Capture-decran-le-2023-11-20-a-15.16.15.png?fit=700%2C468&#038;ssl=1\" src=\"https:\/\/i0.wp.com\/itayachtscanada.com\/wp-content\/uploads\/2023\/11\/Capture-decran-le-2023-11-20-a-15.16.15.png?w=229&#038;h=153&#038;ssl=1\" srcset=\"https:\/\/i0.wp.com\/itayachtscanada.com\/wp-content\/uploads\/2023\/11\/Capture-decran-le-2023-11-20-a-15.16.15.png?w=1712&amp;ssl=1 1712w, https:\/\/i0.wp.com\/itayachtscanada.com\/wp-content\/uploads\/2023\/11\/Capture-decran-le-2023-11-20-a-15.16.15.png?resize=300%2C201&amp;ssl=1 300w, https:\/\/i0.wp.com\/itayachtscanada.com\/wp-content\/uploads\/2023\/11\/Capture-decran-le-2023-11-20-a-15.16.15.png?resize=1024%2C685&amp;ssl=1 1024w, https:\/\/i0.wp.com\/itayachtscanada.com\/wp-content\/uploads\/2023\/11\/Capture-decran-le-2023-11-20-a-15.16.15.png?resize=768%2C514&amp;ssl=1 768w, https:\/\/i0.wp.com\/itayachtscanada.com\/wp-content\/uploads\/2023\/11\/Capture-decran-le-2023-11-20-a-15.16.15.png?resize=1536%2C1028&amp;ssl=1 1536w, https:\/\/i0.wp.com\/itayachtscanada.com\/wp-content\/uploads\/2023\/11\/Capture-decran-le-2023-11-20-a-15.16.15.png?resize=1200%2C803&amp;ssl=1 1200w, https:\/\/i0.wp.com\/itayachtscanada.com\/wp-content\/uploads\/2023\/11\/Capture-decran-le-2023-11-20-a-15.16.15.png?resize=700%2C469&amp;ssl=1 700w, https:\/\/i0.wp.com\/itayachtscanada.com\/wp-content\/uploads\/2023\/11\/Capture-decran-le-2023-11-20-a-15.16.15.png?resize=900%2C600&amp;ssl=1 900w, https:\/\/i0.wp.com\/itayachtscanada.com\/wp-content\/uploads\/2023\/11\/Capture-decran-le-2023-11-20-a-15.16.15.png?resize=598%2C400&amp;ssl=1 598w, https:\/\/i0.wp.com\/itayachtscanada.com\/wp-content\/uploads\/2023\/11\/Capture-decran-le-2023-11-20-a-15.16.15.png?w=1400&amp;ssl=1 1400w\" width=\"229\" height=\"153\" loading=\"lazy\" data-original-width=\"229\" data-original-height=\"153\" itemprop=\"http:\/\/schema.org\/image\" title=\"Capture d\u2019\u00e9cran, le 2023-11-20 \u00e0 15.16.15\" alt=\"Capture d\u2019\u00e9cran, le 2023-11-20 \u00e0 15.16.15\" style=\"width: 229px; height: 153px;\" \/> <\/a> <\/div> <div class=\"tiled-gallery-item tiled-gallery-item-small\" itemprop=\"associatedMedia\" itemscope itemtype=\"http:\/\/schema.org\/ImageObject\"> <a href=\"https:\/\/itayachtscanada.com\/fr\/listing\/sunreef-80-sail-2022-8677777-usd-for-sale\/capture-decran-le-2023-11-20-a-15-16-12\/\" border=\"0\" itemprop=\"url\"> <meta itemprop=\"width\" content=\"229\"> <meta itemprop=\"height\" content=\"153\"> <img decoding=\"async\" class=\"\" data-attachment-id=\"142176\" data-orig-file=\"https:\/\/itayachtscanada.com\/wp-content\/uploads\/2023\/11\/Capture-decran-le-2023-11-20-a-15.16.12.png\" data-orig-size=\"1712,1146\" data-comments-opened=\"1\" data-image-meta=\"{&quot;aperture&quot;:&quot;0&quot;,&quot;credit&quot;:&quot;&quot;,&quot;camera&quot;:&quot;&quot;,&quot;caption&quot;:&quot;&quot;,&quot;created_timestamp&quot;:&quot;0&quot;,&quot;copyright&quot;:&quot;&quot;,&quot;focal_length&quot;:&quot;0&quot;,&quot;iso&quot;:&quot;0&quot;,&quot;shutter_speed&quot;:&quot;0&quot;,&quot;title&quot;:&quot;&quot;,&quot;orientation&quot;:&quot;0&quot;}\" data-image-title=\"Capture d\u2019\u00e9cran, le 2023-11-20 \u00e0 15.16.12\" data-image-description=\"\" data-medium-file=\"https:\/\/i0.wp.com\/itayachtscanada.com\/wp-content\/uploads\/2023\/11\/Capture-decran-le-2023-11-20-a-15.16.12.png?fit=300%2C201&#038;ssl=1\" data-large-file=\"https:\/\/i0.wp.com\/itayachtscanada.com\/wp-content\/uploads\/2023\/11\/Capture-decran-le-2023-11-20-a-15.16.12.png?fit=700%2C468&#038;ssl=1\" src=\"https:\/\/i0.wp.com\/itayachtscanada.com\/wp-content\/uploads\/2023\/11\/Capture-decran-le-2023-11-20-a-15.16.12.png?w=229&#038;h=153&#038;ssl=1\" srcset=\"https:\/\/i0.wp.com\/itayachtscanada.com\/wp-content\/uploads\/2023\/11\/Capture-decran-le-2023-11-20-a-15.16.12.png?w=1712&amp;ssl=1 1712w, https:\/\/i0.wp.com\/itayachtscanada.com\/wp-content\/uploads\/2023\/11\/Capture-decran-le-2023-11-20-a-15.16.12.png?resize=300%2C201&amp;ssl=1 300w, https:\/\/i0.wp.com\/itayachtscanada.com\/wp-content\/uploads\/2023\/11\/Capture-decran-le-2023-11-20-a-15.16.12.png?resize=1024%2C685&amp;ssl=1 1024w, https:\/\/i0.wp.com\/itayachtscanada.com\/wp-content\/uploads\/2023\/11\/Capture-decran-le-2023-11-20-a-15.16.12.png?resize=768%2C514&amp;ssl=1 768w, https:\/\/i0.wp.com\/itayachtscanada.com\/wp-content\/uploads\/2023\/11\/Capture-decran-le-2023-11-20-a-15.16.12.png?resize=1536%2C1028&amp;ssl=1 1536w, https:\/\/i0.wp.com\/itayachtscanada.com\/wp-content\/uploads\/2023\/11\/Capture-decran-le-2023-11-20-a-15.16.12.png?resize=1200%2C803&amp;ssl=1 1200w, https:\/\/i0.wp.com\/itayachtscanada.com\/wp-content\/uploads\/2023\/11\/Capture-decran-le-2023-11-20-a-15.16.12.png?resize=700%2C469&amp;ssl=1 700w, https:\/\/i0.wp.com\/itayachtscanada.com\/wp-content\/uploads\/2023\/11\/Capture-decran-le-2023-11-20-a-15.16.12.png?resize=900%2C600&amp;ssl=1 900w, https:\/\/i0.wp.com\/itayachtscanada.com\/wp-content\/uploads\/2023\/11\/Capture-decran-le-2023-11-20-a-15.16.12.png?resize=598%2C400&amp;ssl=1 598w, https:\/\/i0.wp.com\/itayachtscanada.com\/wp-content\/uploads\/2023\/11\/Capture-decran-le-2023-11-20-a-15.16.12.png?w=1400&amp;ssl=1 1400w\" width=\"229\" height=\"153\" loading=\"lazy\" data-original-width=\"229\" data-original-height=\"153\" itemprop=\"http:\/\/schema.org\/image\" title=\"Capture d\u2019\u00e9cran, le 2023-11-20 \u00e0 15.16.12\" alt=\"Capture d\u2019\u00e9cran, le 2023-11-20 \u00e0 15.16.12\" style=\"width: 229px; height: 153px;\" \/> <\/a> <\/div> <\/div> <!-- close group --> <div class=\"gallery-group images-1\" style=\"width: 467px; height: 314px;\" data-original-width=\"467\" data-original-height=\"314\" > <div class=\"tiled-gallery-item tiled-gallery-item-large\" itemprop=\"associatedMedia\" itemscope itemtype=\"http:\/\/schema.org\/ImageObject\"> <a href=\"https:\/\/itayachtscanada.com\/fr\/listing\/sunreef-80-sail-2022-8677777-usd-for-sale\/capture-decran-le-2023-11-20-a-15-16-09\/\" border=\"0\" itemprop=\"url\"> <meta itemprop=\"width\" content=\"463\"> <meta itemprop=\"height\" content=\"310\"> <img decoding=\"async\" class=\"\" data-attachment-id=\"142177\" data-orig-file=\"https:\/\/itayachtscanada.com\/wp-content\/uploads\/2023\/11\/Capture-decran-le-2023-11-20-a-15.16.09.png\" data-orig-size=\"1712,1146\" data-comments-opened=\"1\" data-image-meta=\"{&quot;aperture&quot;:&quot;0&quot;,&quot;credit&quot;:&quot;&quot;,&quot;camera&quot;:&quot;&quot;,&quot;caption&quot;:&quot;&quot;,&quot;created_timestamp&quot;:&quot;0&quot;,&quot;copyright&quot;:&quot;&quot;,&quot;focal_length&quot;:&quot;0&quot;,&quot;iso&quot;:&quot;0&quot;,&quot;shutter_speed&quot;:&quot;0&quot;,&quot;title&quot;:&quot;&quot;,&quot;orientation&quot;:&quot;0&quot;}\" data-image-title=\"Capture d\u2019\u00e9cran, le 2023-11-20 \u00e0 15.16.09\" data-image-description=\"\" data-medium-file=\"https:\/\/i0.wp.com\/itayachtscanada.com\/wp-content\/uploads\/2023\/11\/Capture-decran-le-2023-11-20-a-15.16.09.png?fit=300%2C201&#038;ssl=1\" data-large-file=\"https:\/\/i0.wp.com\/itayachtscanada.com\/wp-content\/uploads\/2023\/11\/Capture-decran-le-2023-11-20-a-15.16.09.png?fit=700%2C468&#038;ssl=1\" src=\"https:\/\/i0.wp.com\/itayachtscanada.com\/wp-content\/uploads\/2023\/11\/Capture-decran-le-2023-11-20-a-15.16.09.png?w=463&#038;h=310&#038;ssl=1\" srcset=\"https:\/\/i0.wp.com\/itayachtscanada.com\/wp-content\/uploads\/2023\/11\/Capture-decran-le-2023-11-20-a-15.16.09.png?w=1712&amp;ssl=1 1712w, https:\/\/i0.wp.com\/itayachtscanada.com\/wp-content\/uploads\/2023\/11\/Capture-decran-le-2023-11-20-a-15.16.09.png?resize=300%2C201&amp;ssl=1 300w, https:\/\/i0.wp.com\/itayachtscanada.com\/wp-content\/uploads\/2023\/11\/Capture-decran-le-2023-11-20-a-15.16.09.png?resize=1024%2C685&amp;ssl=1 1024w, https:\/\/i0.wp.com\/itayachtscanada.com\/wp-content\/uploads\/2023\/11\/Capture-decran-le-2023-11-20-a-15.16.09.png?resize=768%2C514&amp;ssl=1 768w, https:\/\/i0.wp.com\/itayachtscanada.com\/wp-content\/uploads\/2023\/11\/Capture-decran-le-2023-11-20-a-15.16.09.png?resize=1536%2C1028&amp;ssl=1 1536w, https:\/\/i0.wp.com\/itayachtscanada.com\/wp-content\/uploads\/2023\/11\/Capture-decran-le-2023-11-20-a-15.16.09.png?resize=1200%2C803&amp;ssl=1 1200w, https:\/\/i0.wp.com\/itayachtscanada.com\/wp-content\/uploads\/2023\/11\/Capture-decran-le-2023-11-20-a-15.16.09.png?resize=700%2C469&amp;ssl=1 700w, https:\/\/i0.wp.com\/itayachtscanada.com\/wp-content\/uploads\/2023\/11\/Capture-decran-le-2023-11-20-a-15.16.09.png?resize=900%2C600&amp;ssl=1 900w, https:\/\/i0.wp.com\/itayachtscanada.com\/wp-content\/uploads\/2023\/11\/Capture-decran-le-2023-11-20-a-15.16.09.png?resize=598%2C400&amp;ssl=1 598w, https:\/\/i0.wp.com\/itayachtscanada.com\/wp-content\/uploads\/2023\/11\/Capture-decran-le-2023-11-20-a-15.16.09.png?w=1400&amp;ssl=1 1400w\" width=\"463\" height=\"310\" loading=\"lazy\" data-original-width=\"463\" data-original-height=\"310\" itemprop=\"http:\/\/schema.org\/image\" title=\"Capture d\u2019\u00e9cran, le 2023-11-20 \u00e0 15.16.09\" alt=\"Capture d\u2019\u00e9cran, le 2023-11-20 \u00e0 15.16.09\" style=\"width: 463px; height: 310px;\" \/> <\/a> <\/div> <\/div> <!-- close group --> <\/div> <!-- close row --> <div class=\"gallery-row\" style=\"width: 700px; height: 314px;\" data-original-width=\"700\" data-original-height=\"314\" > <div class=\"gallery-group images-1\" style=\"width: 467px; height: 314px;\" data-original-width=\"467\" data-original-height=\"314\" > <div class=\"tiled-gallery-item tiled-gallery-item-large\" itemprop=\"associatedMedia\" itemscope itemtype=\"http:\/\/schema.org\/ImageObject\"> <a href=\"https:\/\/itayachtscanada.com\/fr\/listing\/sunreef-80-sail-2022-8677777-usd-for-sale\/capture-decran-le-2023-11-20-a-15-16-01\/\" border=\"0\" itemprop=\"url\"> <meta itemprop=\"width\" content=\"463\"> <meta itemprop=\"height\" content=\"310\"> <img decoding=\"async\" class=\"\" data-attachment-id=\"142179\" data-orig-file=\"https:\/\/itayachtscanada.com\/wp-content\/uploads\/2023\/11\/Capture-decran-le-2023-11-20-a-15.16.01.png\" data-orig-size=\"1712,1146\" data-comments-opened=\"1\" data-image-meta=\"{&quot;aperture&quot;:&quot;0&quot;,&quot;credit&quot;:&quot;&quot;,&quot;camera&quot;:&quot;&quot;,&quot;caption&quot;:&quot;&quot;,&quot;created_timestamp&quot;:&quot;0&quot;,&quot;copyright&quot;:&quot;&quot;,&quot;focal_length&quot;:&quot;0&quot;,&quot;iso&quot;:&quot;0&quot;,&quot;shutter_speed&quot;:&quot;0&quot;,&quot;title&quot;:&quot;&quot;,&quot;orientation&quot;:&quot;0&quot;}\" data-image-title=\"Capture d\u2019\u00e9cran, le 2023-11-20 \u00e0 15.16.01\" data-image-description=\"\" data-medium-file=\"https:\/\/i0.wp.com\/itayachtscanada.com\/wp-content\/uploads\/2023\/11\/Capture-decran-le-2023-11-20-a-15.16.01.png?fit=300%2C201&#038;ssl=1\" data-large-file=\"https:\/\/i0.wp.com\/itayachtscanada.com\/wp-content\/uploads\/2023\/11\/Capture-decran-le-2023-11-20-a-15.16.01.png?fit=700%2C468&#038;ssl=1\" src=\"https:\/\/i0.wp.com\/itayachtscanada.com\/wp-content\/uploads\/2023\/11\/Capture-decran-le-2023-11-20-a-15.16.01.png?w=463&#038;h=310&#038;ssl=1\" srcset=\"https:\/\/i0.wp.com\/itayachtscanada.com\/wp-content\/uploads\/2023\/11\/Capture-decran-le-2023-11-20-a-15.16.01.png?w=1712&amp;ssl=1 1712w, https:\/\/i0.wp.com\/itayachtscanada.com\/wp-content\/uploads\/2023\/11\/Capture-decran-le-2023-11-20-a-15.16.01.png?resize=300%2C201&amp;ssl=1 300w, https:\/\/i0.wp.com\/itayachtscanada.com\/wp-content\/uploads\/2023\/11\/Capture-decran-le-2023-11-20-a-15.16.01.png?resize=1024%2C685&amp;ssl=1 1024w, https:\/\/i0.wp.com\/itayachtscanada.com\/wp-content\/uploads\/2023\/11\/Capture-decran-le-2023-11-20-a-15.16.01.png?resize=768%2C514&amp;ssl=1 768w, https:\/\/i0.wp.com\/itayachtscanada.com\/wp-content\/uploads\/2023\/11\/Capture-decran-le-2023-11-20-a-15.16.01.png?resize=1536%2C1028&amp;ssl=1 1536w, https:\/\/i0.wp.com\/itayachtscanada.com\/wp-content\/uploads\/2023\/11\/Capture-decran-le-2023-11-20-a-15.16.01.png?resize=1200%2C803&amp;ssl=1 1200w, https:\/\/i0.wp.com\/itayachtscanada.com\/wp-content\/uploads\/2023\/11\/Capture-decran-le-2023-11-20-a-15.16.01.png?resize=700%2C469&amp;ssl=1 700w, https:\/\/i0.wp.com\/itayachtscanada.com\/wp-content\/uploads\/2023\/11\/Capture-decran-le-2023-11-20-a-15.16.01.png?resize=900%2C600&amp;ssl=1 900w, https:\/\/i0.wp.com\/itayachtscanada.com\/wp-content\/uploads\/2023\/11\/Capture-decran-le-2023-11-20-a-15.16.01.png?resize=598%2C400&amp;ssl=1 598w, https:\/\/i0.wp.com\/itayachtscanada.com\/wp-content\/uploads\/2023\/11\/Capture-decran-le-2023-11-20-a-15.16.01.png?w=1400&amp;ssl=1 1400w\" width=\"463\" height=\"310\" loading=\"lazy\" data-original-width=\"463\" data-original-height=\"310\" itemprop=\"http:\/\/schema.org\/image\" title=\"Capture d\u2019\u00e9cran, le 2023-11-20 \u00e0 15.16.01\" alt=\"Capture d\u2019\u00e9cran, le 2023-11-20 \u00e0 15.16.01\" style=\"width: 463px; height: 310px;\" \/> <\/a> <\/div> <\/div> <!-- close group --> <div class=\"gallery-group images-2\" style=\"width: 233px; height: 314px;\" data-original-width=\"233\" data-original-height=\"314\" > <div class=\"tiled-gallery-item tiled-gallery-item-small\" itemprop=\"associatedMedia\" itemscope itemtype=\"http:\/\/schema.org\/ImageObject\"> <a href=\"https:\/\/itayachtscanada.com\/fr\/listing\/sunreef-80-sail-2022-8677777-usd-for-sale\/capture-decran-le-2023-11-20-a-15-15-58\/\" border=\"0\" itemprop=\"url\"> <meta itemprop=\"width\" content=\"229\"> <meta itemprop=\"height\" content=\"153\"> <img decoding=\"async\" class=\"\" data-attachment-id=\"142180\" data-orig-file=\"https:\/\/itayachtscanada.com\/wp-content\/uploads\/2023\/11\/Capture-decran-le-2023-11-20-a-15.15.58.png\" data-orig-size=\"1712,1146\" data-comments-opened=\"1\" data-image-meta=\"{&quot;aperture&quot;:&quot;0&quot;,&quot;credit&quot;:&quot;&quot;,&quot;camera&quot;:&quot;&quot;,&quot;caption&quot;:&quot;&quot;,&quot;created_timestamp&quot;:&quot;0&quot;,&quot;copyright&quot;:&quot;&quot;,&quot;focal_length&quot;:&quot;0&quot;,&quot;iso&quot;:&quot;0&quot;,&quot;shutter_speed&quot;:&quot;0&quot;,&quot;title&quot;:&quot;&quot;,&quot;orientation&quot;:&quot;0&quot;}\" data-image-title=\"Capture d\u2019\u00e9cran, le 2023-11-20 \u00e0 15.15.58\" data-image-description=\"\" data-medium-file=\"https:\/\/i0.wp.com\/itayachtscanada.com\/wp-content\/uploads\/2023\/11\/Capture-decran-le-2023-11-20-a-15.15.58.png?fit=300%2C201&#038;ssl=1\" data-large-file=\"https:\/\/i0.wp.com\/itayachtscanada.com\/wp-content\/uploads\/2023\/11\/Capture-decran-le-2023-11-20-a-15.15.58.png?fit=700%2C468&#038;ssl=1\" src=\"https:\/\/i0.wp.com\/itayachtscanada.com\/wp-content\/uploads\/2023\/11\/Capture-decran-le-2023-11-20-a-15.15.58.png?w=229&#038;h=153&#038;ssl=1\" srcset=\"https:\/\/i0.wp.com\/itayachtscanada.com\/wp-content\/uploads\/2023\/11\/Capture-decran-le-2023-11-20-a-15.15.58.png?w=1712&amp;ssl=1 1712w, https:\/\/i0.wp.com\/itayachtscanada.com\/wp-content\/uploads\/2023\/11\/Capture-decran-le-2023-11-20-a-15.15.58.png?resize=300%2C201&amp;ssl=1 300w, https:\/\/i0.wp.com\/itayachtscanada.com\/wp-content\/uploads\/2023\/11\/Capture-decran-le-2023-11-20-a-15.15.58.png?resize=1024%2C685&amp;ssl=1 1024w, https:\/\/i0.wp.com\/itayachtscanada.com\/wp-content\/uploads\/2023\/11\/Capture-decran-le-2023-11-20-a-15.15.58.png?resize=768%2C514&amp;ssl=1 768w, https:\/\/i0.wp.com\/itayachtscanada.com\/wp-content\/uploads\/2023\/11\/Capture-decran-le-2023-11-20-a-15.15.58.png?resize=1536%2C1028&amp;ssl=1 1536w, https:\/\/i0.wp.com\/itayachtscanada.com\/wp-content\/uploads\/2023\/11\/Capture-decran-le-2023-11-20-a-15.15.58.png?resize=1200%2C803&amp;ssl=1 1200w, https:\/\/i0.wp.com\/itayachtscanada.com\/wp-content\/uploads\/2023\/11\/Capture-decran-le-2023-11-20-a-15.15.58.png?resize=700%2C469&amp;ssl=1 700w, https:\/\/i0.wp.com\/itayachtscanada.com\/wp-content\/uploads\/2023\/11\/Capture-decran-le-2023-11-20-a-15.15.58.png?resize=900%2C600&amp;ssl=1 900w, https:\/\/i0.wp.com\/itayachtscanada.com\/wp-content\/uploads\/2023\/11\/Capture-decran-le-2023-11-20-a-15.15.58.png?resize=598%2C400&amp;ssl=1 598w, https:\/\/i0.wp.com\/itayachtscanada.com\/wp-content\/uploads\/2023\/11\/Capture-decran-le-2023-11-20-a-15.15.58.png?w=1400&amp;ssl=1 1400w\" width=\"229\" height=\"153\" loading=\"lazy\" data-original-width=\"229\" data-original-height=\"153\" itemprop=\"http:\/\/schema.org\/image\" title=\"Capture d\u2019\u00e9cran, le 2023-11-20 \u00e0 15.15.58\" alt=\"Capture d\u2019\u00e9cran, le 2023-11-20 \u00e0 15.15.58\" style=\"width: 229px; height: 153px;\" \/> <\/a> <\/div> <div class=\"tiled-gallery-item tiled-gallery-item-small\" itemprop=\"associatedMedia\" itemscope itemtype=\"http:\/\/schema.org\/ImageObject\"> <a href=\"https:\/\/itayachtscanada.com\/fr\/listing\/sunreef-80-sail-2022-8677777-usd-for-sale\/capture-decran-le-2023-11-20-a-15-15-52\/\" border=\"0\" itemprop=\"url\"> <meta itemprop=\"width\" content=\"229\"> <meta itemprop=\"height\" content=\"153\"> <img decoding=\"async\" class=\"\" data-attachment-id=\"142182\" data-orig-file=\"https:\/\/itayachtscanada.com\/wp-content\/uploads\/2023\/11\/Capture-decran-le-2023-11-20-a-15.15.52.png\" data-orig-size=\"1712,1146\" data-comments-opened=\"1\" data-image-meta=\"{&quot;aperture&quot;:&quot;0&quot;,&quot;credit&quot;:&quot;&quot;,&quot;camera&quot;:&quot;&quot;,&quot;caption&quot;:&quot;&quot;,&quot;created_timestamp&quot;:&quot;0&quot;,&quot;copyright&quot;:&quot;&quot;,&quot;focal_length&quot;:&quot;0&quot;,&quot;iso&quot;:&quot;0&quot;,&quot;shutter_speed&quot;:&quot;0&quot;,&quot;title&quot;:&quot;&quot;,&quot;orientation&quot;:&quot;0&quot;}\" data-image-title=\"Capture d\u2019\u00e9cran, le 2023-11-20 \u00e0 15.15.52\" data-image-description=\"\" data-medium-file=\"https:\/\/i0.wp.com\/itayachtscanada.com\/wp-content\/uploads\/2023\/11\/Capture-decran-le-2023-11-20-a-15.15.52.png?fit=300%2C201&#038;ssl=1\" data-large-file=\"https:\/\/i0.wp.com\/itayachtscanada.com\/wp-content\/uploads\/2023\/11\/Capture-decran-le-2023-11-20-a-15.15.52.png?fit=700%2C468&#038;ssl=1\" src=\"https:\/\/i0.wp.com\/itayachtscanada.com\/wp-content\/uploads\/2023\/11\/Capture-decran-le-2023-11-20-a-15.15.52.png?w=229&#038;h=153&#038;ssl=1\" srcset=\"https:\/\/i0.wp.com\/itayachtscanada.com\/wp-content\/uploads\/2023\/11\/Capture-decran-le-2023-11-20-a-15.15.52.png?w=1712&amp;ssl=1 1712w, https:\/\/i0.wp.com\/itayachtscanada.com\/wp-content\/uploads\/2023\/11\/Capture-decran-le-2023-11-20-a-15.15.52.png?resize=300%2C201&amp;ssl=1 300w, https:\/\/i0.wp.com\/itayachtscanada.com\/wp-content\/uploads\/2023\/11\/Capture-decran-le-2023-11-20-a-15.15.52.png?resize=1024%2C685&amp;ssl=1 1024w, https:\/\/i0.wp.com\/itayachtscanada.com\/wp-content\/uploads\/2023\/11\/Capture-decran-le-2023-11-20-a-15.15.52.png?resize=768%2C514&amp;ssl=1 768w, https:\/\/i0.wp.com\/itayachtscanada.com\/wp-content\/uploads\/2023\/11\/Capture-decran-le-2023-11-20-a-15.15.52.png?resize=1536%2C1028&amp;ssl=1 1536w, https:\/\/i0.wp.com\/itayachtscanada.com\/wp-content\/uploads\/2023\/11\/Capture-decran-le-2023-11-20-a-15.15.52.png?resize=1200%2C803&amp;ssl=1 1200w, https:\/\/i0.wp.com\/itayachtscanada.com\/wp-content\/uploads\/2023\/11\/Capture-decran-le-2023-11-20-a-15.15.52.png?resize=700%2C469&amp;ssl=1 700w, https:\/\/i0.wp.com\/itayachtscanada.com\/wp-content\/uploads\/2023\/11\/Capture-decran-le-2023-11-20-a-15.15.52.png?resize=900%2C600&amp;ssl=1 900w, https:\/\/i0.wp.com\/itayachtscanada.com\/wp-content\/uploads\/2023\/11\/Capture-decran-le-2023-11-20-a-15.15.52.png?resize=598%2C400&amp;ssl=1 598w, https:\/\/i0.wp.com\/itayachtscanada.com\/wp-content\/uploads\/2023\/11\/Capture-decran-le-2023-11-20-a-15.15.52.png?w=1400&amp;ssl=1 1400w\" width=\"229\" height=\"153\" loading=\"lazy\" data-original-width=\"229\" data-original-height=\"153\" itemprop=\"http:\/\/schema.org\/image\" title=\"Capture d\u2019\u00e9cran, le 2023-11-20 \u00e0 15.15.52\" alt=\"Capture d\u2019\u00e9cran, le 2023-11-20 \u00e0 15.15.52\" style=\"width: 229px; height: 153px;\" \/> <\/a> <\/div> <\/div> <!-- close group --> <\/div> <!-- close row --> <div class=\"gallery-row\" style=\"width: 700px; height: 158px;\" data-original-width=\"700\" data-original-height=\"158\" > <div class=\"gallery-group images-1\" style=\"width: 234px; height: 158px;\" data-original-width=\"234\" data-original-height=\"158\" > <div class=\"tiled-gallery-item tiled-gallery-item-small\" itemprop=\"associatedMedia\" itemscope itemtype=\"http:\/\/schema.org\/ImageObject\"> <a href=\"https:\/\/itayachtscanada.com\/fr\/listing\/sunreef-80-sail-2022-8677777-usd-for-sale\/capture-decran-le-2023-11-20-a-15-15-46\/\" border=\"0\" itemprop=\"url\"> <meta itemprop=\"width\" content=\"230\"> <meta itemprop=\"height\" content=\"154\"> <img decoding=\"async\" class=\"\" data-attachment-id=\"142183\" data-orig-file=\"https:\/\/itayachtscanada.com\/wp-content\/uploads\/2023\/11\/Capture-decran-le-2023-11-20-a-15.15.46.png\" data-orig-size=\"1712,1146\" data-comments-opened=\"1\" data-image-meta=\"{&quot;aperture&quot;:&quot;0&quot;,&quot;credit&quot;:&quot;&quot;,&quot;camera&quot;:&quot;&quot;,&quot;caption&quot;:&quot;&quot;,&quot;created_timestamp&quot;:&quot;0&quot;,&quot;copyright&quot;:&quot;&quot;,&quot;focal_length&quot;:&quot;0&quot;,&quot;iso&quot;:&quot;0&quot;,&quot;shutter_speed&quot;:&quot;0&quot;,&quot;title&quot;:&quot;&quot;,&quot;orientation&quot;:&quot;0&quot;}\" data-image-title=\"Capture d\u2019\u00e9cran, le 2023-11-20 \u00e0 15.15.46\" data-image-description=\"\" data-medium-file=\"https:\/\/i0.wp.com\/itayachtscanada.com\/wp-content\/uploads\/2023\/11\/Capture-decran-le-2023-11-20-a-15.15.46.png?fit=300%2C201&#038;ssl=1\" data-large-file=\"https:\/\/i0.wp.com\/itayachtscanada.com\/wp-content\/uploads\/2023\/11\/Capture-decran-le-2023-11-20-a-15.15.46.png?fit=700%2C468&#038;ssl=1\" src=\"https:\/\/i0.wp.com\/itayachtscanada.com\/wp-content\/uploads\/2023\/11\/Capture-decran-le-2023-11-20-a-15.15.46.png?w=230&#038;h=154&#038;ssl=1\" srcset=\"https:\/\/i0.wp.com\/itayachtscanada.com\/wp-content\/uploads\/2023\/11\/Capture-decran-le-2023-11-20-a-15.15.46.png?w=1712&amp;ssl=1 1712w, https:\/\/i0.wp.com\/itayachtscanada.com\/wp-content\/uploads\/2023\/11\/Capture-decran-le-2023-11-20-a-15.15.46.png?resize=300%2C201&amp;ssl=1 300w, https:\/\/i0.wp.com\/itayachtscanada.com\/wp-content\/uploads\/2023\/11\/Capture-decran-le-2023-11-20-a-15.15.46.png?resize=1024%2C685&amp;ssl=1 1024w, https:\/\/i0.wp.com\/itayachtscanada.com\/wp-content\/uploads\/2023\/11\/Capture-decran-le-2023-11-20-a-15.15.46.png?resize=768%2C514&amp;ssl=1 768w, https:\/\/i0.wp.com\/itayachtscanada.com\/wp-content\/uploads\/2023\/11\/Capture-decran-le-2023-11-20-a-15.15.46.png?resize=1536%2C1028&amp;ssl=1 1536w, https:\/\/i0.wp.com\/itayachtscanada.com\/wp-content\/uploads\/2023\/11\/Capture-decran-le-2023-11-20-a-15.15.46.png?resize=1200%2C803&amp;ssl=1 1200w, https:\/\/i0.wp.com\/itayachtscanada.com\/wp-content\/uploads\/2023\/11\/Capture-decran-le-2023-11-20-a-15.15.46.png?resize=700%2C469&amp;ssl=1 700w, https:\/\/i0.wp.com\/itayachtscanada.com\/wp-content\/uploads\/2023\/11\/Capture-decran-le-2023-11-20-a-15.15.46.png?resize=900%2C600&amp;ssl=1 900w, https:\/\/i0.wp.com\/itayachtscanada.com\/wp-content\/uploads\/2023\/11\/Capture-decran-le-2023-11-20-a-15.15.46.png?resize=598%2C400&amp;ssl=1 598w, https:\/\/i0.wp.com\/itayachtscanada.com\/wp-content\/uploads\/2023\/11\/Capture-decran-le-2023-11-20-a-15.15.46.png?w=1400&amp;ssl=1 1400w\" width=\"230\" height=\"154\" loading=\"lazy\" data-original-width=\"230\" data-original-height=\"154\" itemprop=\"http:\/\/schema.org\/image\" title=\"Capture d\u2019\u00e9cran, le 2023-11-20 \u00e0 15.15.46\" alt=\"Capture d\u2019\u00e9cran, le 2023-11-20 \u00e0 15.15.46\" style=\"width: 230px; height: 154px;\" \/> <\/a> <\/div> <\/div> <!-- close group --> <div class=\"gallery-group images-1\" style=\"width: 233px; height: 158px;\" data-original-width=\"233\" data-original-height=\"158\" > <div class=\"tiled-gallery-item tiled-gallery-item-small\" itemprop=\"associatedMedia\" itemscope itemtype=\"http:\/\/schema.org\/ImageObject\"> <a href=\"https:\/\/itayachtscanada.com\/fr\/listing\/sunreef-80-sail-2022-8677777-usd-for-sale\/capture-decran-le-2023-11-20-a-15-15-43\/\" border=\"0\" itemprop=\"url\"> <meta itemprop=\"width\" content=\"229\"> <meta itemprop=\"height\" content=\"154\"> <img decoding=\"async\" class=\"\" data-attachment-id=\"142184\" data-orig-file=\"https:\/\/itayachtscanada.com\/wp-content\/uploads\/2023\/11\/Capture-decran-le-2023-11-20-a-15.15.43.png\" data-orig-size=\"1712,1146\" data-comments-opened=\"1\" data-image-meta=\"{&quot;aperture&quot;:&quot;0&quot;,&quot;credit&quot;:&quot;&quot;,&quot;camera&quot;:&quot;&quot;,&quot;caption&quot;:&quot;&quot;,&quot;created_timestamp&quot;:&quot;0&quot;,&quot;copyright&quot;:&quot;&quot;,&quot;focal_length&quot;:&quot;0&quot;,&quot;iso&quot;:&quot;0&quot;,&quot;shutter_speed&quot;:&quot;0&quot;,&quot;title&quot;:&quot;&quot;,&quot;orientation&quot;:&quot;0&quot;}\" data-image-title=\"Capture d\u2019\u00e9cran, le 2023-11-20 \u00e0 15.15.43\" data-image-description=\"\" data-medium-file=\"https:\/\/i0.wp.com\/itayachtscanada.com\/wp-content\/uploads\/2023\/11\/Capture-decran-le-2023-11-20-a-15.15.43.png?fit=300%2C201&#038;ssl=1\" data-large-file=\"https:\/\/i0.wp.com\/itayachtscanada.com\/wp-content\/uploads\/2023\/11\/Capture-decran-le-2023-11-20-a-15.15.43.png?fit=700%2C468&#038;ssl=1\" src=\"https:\/\/i0.wp.com\/itayachtscanada.com\/wp-content\/uploads\/2023\/11\/Capture-decran-le-2023-11-20-a-15.15.43.png?w=229&#038;h=154&#038;ssl=1\" srcset=\"https:\/\/i0.wp.com\/itayachtscanada.com\/wp-content\/uploads\/2023\/11\/Capture-decran-le-2023-11-20-a-15.15.43.png?w=1712&amp;ssl=1 1712w, https:\/\/i0.wp.com\/itayachtscanada.com\/wp-content\/uploads\/2023\/11\/Capture-decran-le-2023-11-20-a-15.15.43.png?resize=300%2C201&amp;ssl=1 300w, https:\/\/i0.wp.com\/itayachtscanada.com\/wp-content\/uploads\/2023\/11\/Capture-decran-le-2023-11-20-a-15.15.43.png?resize=1024%2C685&amp;ssl=1 1024w, https:\/\/i0.wp.com\/itayachtscanada.com\/wp-content\/uploads\/2023\/11\/Capture-decran-le-2023-11-20-a-15.15.43.png?resize=768%2C514&amp;ssl=1 768w, https:\/\/i0.wp.com\/itayachtscanada.com\/wp-content\/uploads\/2023\/11\/Capture-decran-le-2023-11-20-a-15.15.43.png?resize=1536%2C1028&amp;ssl=1 1536w, https:\/\/i0.wp.com\/itayachtscanada.com\/wp-content\/uploads\/2023\/11\/Capture-decran-le-2023-11-20-a-15.15.43.png?resize=1200%2C803&amp;ssl=1 1200w, https:\/\/i0.wp.com\/itayachtscanada.com\/wp-content\/uploads\/2023\/11\/Capture-decran-le-2023-11-20-a-15.15.43.png?resize=700%2C469&amp;ssl=1 700w, https:\/\/i0.wp.com\/itayachtscanada.com\/wp-content\/uploads\/2023\/11\/Capture-decran-le-2023-11-20-a-15.15.43.png?resize=900%2C600&amp;ssl=1 900w, https:\/\/i0.wp.com\/itayachtscanada.com\/wp-content\/uploads\/2023\/11\/Capture-decran-le-2023-11-20-a-15.15.43.png?resize=598%2C400&amp;ssl=1 598w, https:\/\/i0.wp.com\/itayachtscanada.com\/wp-content\/uploads\/2023\/11\/Capture-decran-le-2023-11-20-a-15.15.43.png?w=1400&amp;ssl=1 1400w\" width=\"229\" height=\"154\" loading=\"lazy\" data-original-width=\"229\" data-original-height=\"154\" itemprop=\"http:\/\/schema.org\/image\" title=\"Capture d\u2019\u00e9cran, le 2023-11-20 \u00e0 15.15.43\" alt=\"Capture d\u2019\u00e9cran, le 2023-11-20 \u00e0 15.15.43\" style=\"width: 229px; height: 154px;\" \/> <\/a> <\/div> <\/div> <!-- close group --> <div class=\"gallery-group images-1\" style=\"width: 233px; height: 158px;\" data-original-width=\"233\" data-original-height=\"158\" > <div class=\"tiled-gallery-item tiled-gallery-item-small\" itemprop=\"associatedMedia\" itemscope itemtype=\"http:\/\/schema.org\/ImageObject\"> <a href=\"https:\/\/itayachtscanada.com\/fr\/listing\/sunreef-80-sail-2022-8677777-usd-for-sale\/capture-decran-le-2023-11-20-a-15-15-39\/\" border=\"0\" itemprop=\"url\"> <meta itemprop=\"width\" content=\"229\"> <meta itemprop=\"height\" content=\"154\"> <img decoding=\"async\" class=\"\" data-attachment-id=\"142185\" data-orig-file=\"https:\/\/itayachtscanada.com\/wp-content\/uploads\/2023\/11\/Capture-decran-le-2023-11-20-a-15.15.39.png\" data-orig-size=\"1712,1146\" data-comments-opened=\"1\" data-image-meta=\"{&quot;aperture&quot;:&quot;0&quot;,&quot;credit&quot;:&quot;&quot;,&quot;camera&quot;:&quot;&quot;,&quot;caption&quot;:&quot;&quot;,&quot;created_timestamp&quot;:&quot;0&quot;,&quot;copyright&quot;:&quot;&quot;,&quot;focal_length&quot;:&quot;0&quot;,&quot;iso&quot;:&quot;0&quot;,&quot;shutter_speed&quot;:&quot;0&quot;,&quot;title&quot;:&quot;&quot;,&quot;orientation&quot;:&quot;0&quot;}\" data-image-title=\"Capture d\u2019\u00e9cran, le 2023-11-20 \u00e0 15.15.39\" data-image-description=\"\" data-medium-file=\"https:\/\/i0.wp.com\/itayachtscanada.com\/wp-content\/uploads\/2023\/11\/Capture-decran-le-2023-11-20-a-15.15.39.png?fit=300%2C201&#038;ssl=1\" data-large-file=\"https:\/\/i0.wp.com\/itayachtscanada.com\/wp-content\/uploads\/2023\/11\/Capture-decran-le-2023-11-20-a-15.15.39.png?fit=700%2C468&#038;ssl=1\" src=\"https:\/\/i0.wp.com\/itayachtscanada.com\/wp-content\/uploads\/2023\/11\/Capture-decran-le-2023-11-20-a-15.15.39.png?w=229&#038;h=154&#038;ssl=1\" srcset=\"https:\/\/i0.wp.com\/itayachtscanada.com\/wp-content\/uploads\/2023\/11\/Capture-decran-le-2023-11-20-a-15.15.39.png?w=1712&amp;ssl=1 1712w, https:\/\/i0.wp.com\/itayachtscanada.com\/wp-content\/uploads\/2023\/11\/Capture-decran-le-2023-11-20-a-15.15.39.png?resize=300%2C201&amp;ssl=1 300w, https:\/\/i0.wp.com\/itayachtscanada.com\/wp-content\/uploads\/2023\/11\/Capture-decran-le-2023-11-20-a-15.15.39.png?resize=1024%2C685&amp;ssl=1 1024w, https:\/\/i0.wp.com\/itayachtscanada.com\/wp-content\/uploads\/2023\/11\/Capture-decran-le-2023-11-20-a-15.15.39.png?resize=768%2C514&amp;ssl=1 768w, https:\/\/i0.wp.com\/itayachtscanada.com\/wp-content\/uploads\/2023\/11\/Capture-decran-le-2023-11-20-a-15.15.39.png?resize=1536%2C1028&amp;ssl=1 1536w, https:\/\/i0.wp.com\/itayachtscanada.com\/wp-content\/uploads\/2023\/11\/Capture-decran-le-2023-11-20-a-15.15.39.png?resize=1200%2C803&amp;ssl=1 1200w, https:\/\/i0.wp.com\/itayachtscanada.com\/wp-content\/uploads\/2023\/11\/Capture-decran-le-2023-11-20-a-15.15.39.png?resize=700%2C469&amp;ssl=1 700w, https:\/\/i0.wp.com\/itayachtscanada.com\/wp-content\/uploads\/2023\/11\/Capture-decran-le-2023-11-20-a-15.15.39.png?resize=900%2C600&amp;ssl=1 900w, https:\/\/i0.wp.com\/itayachtscanada.com\/wp-content\/uploads\/2023\/11\/Capture-decran-le-2023-11-20-a-15.15.39.png?resize=598%2C400&amp;ssl=1 598w, https:\/\/i0.wp.com\/itayachtscanada.com\/wp-content\/uploads\/2023\/11\/Capture-decran-le-2023-11-20-a-15.15.39.png?w=1400&amp;ssl=1 1400w\" width=\"229\" height=\"154\" loading=\"lazy\" data-original-width=\"229\" data-original-height=\"154\" itemprop=\"http:\/\/schema.org\/image\" title=\"Capture d\u2019\u00e9cran, le 2023-11-20 \u00e0 15.15.39\" alt=\"Capture d\u2019\u00e9cran, le 2023-11-20 \u00e0 15.15.39\" style=\"width: 229px; height: 154px;\" \/> <\/a> <\/div> <\/div> <!-- close group --> <\/div> <!-- close row --> <div class=\"gallery-row\" style=\"width: 700px; height: 236px;\" data-original-width=\"700\" data-original-height=\"236\" > <div class=\"gallery-group images-1\" style=\"width: 350px; height: 236px;\" data-original-width=\"350\" data-original-height=\"236\" > <div class=\"tiled-gallery-item tiled-gallery-item-large\" itemprop=\"associatedMedia\" itemscope itemtype=\"http:\/\/schema.org\/ImageObject\"> <a href=\"https:\/\/itayachtscanada.com\/fr\/listing\/sunreef-80-sail-2022-8677777-usd-for-sale\/capture-decran-le-2023-11-20-a-15-15-35\/\" border=\"0\" itemprop=\"url\"> <meta itemprop=\"width\" content=\"346\"> <meta itemprop=\"height\" content=\"232\"> <img decoding=\"async\" class=\"\" data-attachment-id=\"142186\" data-orig-file=\"https:\/\/itayachtscanada.com\/wp-content\/uploads\/2023\/11\/Capture-decran-le-2023-11-20-a-15.15.35.png\" data-orig-size=\"1712,1146\" data-comments-opened=\"1\" data-image-meta=\"{&quot;aperture&quot;:&quot;0&quot;,&quot;credit&quot;:&quot;&quot;,&quot;camera&quot;:&quot;&quot;,&quot;caption&quot;:&quot;&quot;,&quot;created_timestamp&quot;:&quot;0&quot;,&quot;copyright&quot;:&quot;&quot;,&quot;focal_length&quot;:&quot;0&quot;,&quot;iso&quot;:&quot;0&quot;,&quot;shutter_speed&quot;:&quot;0&quot;,&quot;title&quot;:&quot;&quot;,&quot;orientation&quot;:&quot;0&quot;}\" data-image-title=\"Capture d\u2019\u00e9cran, le 2023-11-20 \u00e0 15.15.35\" data-image-description=\"\" data-medium-file=\"https:\/\/i0.wp.com\/itayachtscanada.com\/wp-content\/uploads\/2023\/11\/Capture-decran-le-2023-11-20-a-15.15.35.png?fit=300%2C201&#038;ssl=1\" data-large-file=\"https:\/\/i0.wp.com\/itayachtscanada.com\/wp-content\/uploads\/2023\/11\/Capture-decran-le-2023-11-20-a-15.15.35.png?fit=700%2C468&#038;ssl=1\" src=\"https:\/\/i0.wp.com\/itayachtscanada.com\/wp-content\/uploads\/2023\/11\/Capture-decran-le-2023-11-20-a-15.15.35.png?w=346&#038;h=232&#038;ssl=1\" srcset=\"https:\/\/i0.wp.com\/itayachtscanada.com\/wp-content\/uploads\/2023\/11\/Capture-decran-le-2023-11-20-a-15.15.35.png?w=1712&amp;ssl=1 1712w, https:\/\/i0.wp.com\/itayachtscanada.com\/wp-content\/uploads\/2023\/11\/Capture-decran-le-2023-11-20-a-15.15.35.png?resize=300%2C201&amp;ssl=1 300w, https:\/\/i0.wp.com\/itayachtscanada.com\/wp-content\/uploads\/2023\/11\/Capture-decran-le-2023-11-20-a-15.15.35.png?resize=1024%2C685&amp;ssl=1 1024w, https:\/\/i0.wp.com\/itayachtscanada.com\/wp-content\/uploads\/2023\/11\/Capture-decran-le-2023-11-20-a-15.15.35.png?resize=768%2C514&amp;ssl=1 768w, https:\/\/i0.wp.com\/itayachtscanada.com\/wp-content\/uploads\/2023\/11\/Capture-decran-le-2023-11-20-a-15.15.35.png?resize=1536%2C1028&amp;ssl=1 1536w, https:\/\/i0.wp.com\/itayachtscanada.com\/wp-content\/uploads\/2023\/11\/Capture-decran-le-2023-11-20-a-15.15.35.png?resize=1200%2C803&amp;ssl=1 1200w, https:\/\/i0.wp.com\/itayachtscanada.com\/wp-content\/uploads\/2023\/11\/Capture-decran-le-2023-11-20-a-15.15.35.png?resize=700%2C469&amp;ssl=1 700w, https:\/\/i0.wp.com\/itayachtscanada.com\/wp-content\/uploads\/2023\/11\/Capture-decran-le-2023-11-20-a-15.15.35.png?resize=900%2C600&amp;ssl=1 900w, https:\/\/i0.wp.com\/itayachtscanada.com\/wp-content\/uploads\/2023\/11\/Capture-decran-le-2023-11-20-a-15.15.35.png?resize=598%2C400&amp;ssl=1 598w, https:\/\/i0.wp.com\/itayachtscanada.com\/wp-content\/uploads\/2023\/11\/Capture-decran-le-2023-11-20-a-15.15.35.png?w=1400&amp;ssl=1 1400w\" width=\"346\" height=\"232\" loading=\"lazy\" data-original-width=\"346\" data-original-height=\"232\" itemprop=\"http:\/\/schema.org\/image\" title=\"Capture d\u2019\u00e9cran, le 2023-11-20 \u00e0 15.15.35\" alt=\"Capture d\u2019\u00e9cran, le 2023-11-20 \u00e0 15.15.35\" style=\"width: 346px; height: 232px;\" \/> <\/a> <\/div> <\/div> <!-- close group --> <div class=\"gallery-group images-1\" style=\"width: 350px; height: 236px;\" data-original-width=\"350\" data-original-height=\"236\" > <div class=\"tiled-gallery-item tiled-gallery-item-large\" itemprop=\"associatedMedia\" itemscope itemtype=\"http:\/\/schema.org\/ImageObject\"> <a href=\"https:\/\/itayachtscanada.com\/fr\/listing\/sunreef-80-sail-2022-8677777-usd-for-sale\/capture-decran-le-2023-11-20-a-15-15-32\/\" border=\"0\" itemprop=\"url\"> <meta itemprop=\"width\" content=\"346\"> <meta itemprop=\"height\" content=\"232\"> <img decoding=\"async\" class=\"\" data-attachment-id=\"142187\" data-orig-file=\"https:\/\/itayachtscanada.com\/wp-content\/uploads\/2023\/11\/Capture-decran-le-2023-11-20-a-15.15.32.png\" data-orig-size=\"1712,1146\" data-comments-opened=\"1\" data-image-meta=\"{&quot;aperture&quot;:&quot;0&quot;,&quot;credit&quot;:&quot;&quot;,&quot;camera&quot;:&quot;&quot;,&quot;caption&quot;:&quot;&quot;,&quot;created_timestamp&quot;:&quot;0&quot;,&quot;copyright&quot;:&quot;&quot;,&quot;focal_length&quot;:&quot;0&quot;,&quot;iso&quot;:&quot;0&quot;,&quot;shutter_speed&quot;:&quot;0&quot;,&quot;title&quot;:&quot;&quot;,&quot;orientation&quot;:&quot;0&quot;}\" data-image-title=\"Capture d\u2019\u00e9cran, le 2023-11-20 \u00e0 15.15.32\" data-image-description=\"\" data-medium-file=\"https:\/\/i0.wp.com\/itayachtscanada.com\/wp-content\/uploads\/2023\/11\/Capture-decran-le-2023-11-20-a-15.15.32.png?fit=300%2C201&#038;ssl=1\" data-large-file=\"https:\/\/i0.wp.com\/itayachtscanada.com\/wp-content\/uploads\/2023\/11\/Capture-decran-le-2023-11-20-a-15.15.32.png?fit=700%2C468&#038;ssl=1\" src=\"https:\/\/i0.wp.com\/itayachtscanada.com\/wp-content\/uploads\/2023\/11\/Capture-decran-le-2023-11-20-a-15.15.32.png?w=346&#038;h=232&#038;ssl=1\" srcset=\"https:\/\/i0.wp.com\/itayachtscanada.com\/wp-content\/uploads\/2023\/11\/Capture-decran-le-2023-11-20-a-15.15.32.png?w=1712&amp;ssl=1 1712w, https:\/\/i0.wp.com\/itayachtscanada.com\/wp-content\/uploads\/2023\/11\/Capture-decran-le-2023-11-20-a-15.15.32.png?resize=300%2C201&amp;ssl=1 300w, https:\/\/i0.wp.com\/itayachtscanada.com\/wp-content\/uploads\/2023\/11\/Capture-decran-le-2023-11-20-a-15.15.32.png?resize=1024%2C685&amp;ssl=1 1024w, https:\/\/i0.wp.com\/itayachtscanada.com\/wp-content\/uploads\/2023\/11\/Capture-decran-le-2023-11-20-a-15.15.32.png?resize=768%2C514&amp;ssl=1 768w, https:\/\/i0.wp.com\/itayachtscanada.com\/wp-content\/uploads\/2023\/11\/Capture-decran-le-2023-11-20-a-15.15.32.png?resize=1536%2C1028&amp;ssl=1 1536w, https:\/\/i0.wp.com\/itayachtscanada.com\/wp-content\/uploads\/2023\/11\/Capture-decran-le-2023-11-20-a-15.15.32.png?resize=1200%2C803&amp;ssl=1 1200w, https:\/\/i0.wp.com\/itayachtscanada.com\/wp-content\/uploads\/2023\/11\/Capture-decran-le-2023-11-20-a-15.15.32.png?resize=700%2C469&amp;ssl=1 700w, https:\/\/i0.wp.com\/itayachtscanada.com\/wp-content\/uploads\/2023\/11\/Capture-decran-le-2023-11-20-a-15.15.32.png?resize=900%2C600&amp;ssl=1 900w, https:\/\/i0.wp.com\/itayachtscanada.com\/wp-content\/uploads\/2023\/11\/Capture-decran-le-2023-11-20-a-15.15.32.png?resize=598%2C400&amp;ssl=1 598w, https:\/\/i0.wp.com\/itayachtscanada.com\/wp-content\/uploads\/2023\/11\/Capture-decran-le-2023-11-20-a-15.15.32.png?w=1400&amp;ssl=1 1400w\" width=\"346\" height=\"232\" loading=\"lazy\" data-original-width=\"346\" data-original-height=\"232\" itemprop=\"http:\/\/schema.org\/image\" title=\"Capture d\u2019\u00e9cran, le 2023-11-20 \u00e0 15.15.32\" alt=\"Capture d\u2019\u00e9cran, le 2023-11-20 \u00e0 15.15.32\" style=\"width: 346px; height: 232px;\" \/> <\/a> <\/div> <\/div> <!-- close group --> <\/div> <!-- close row --> <div class=\"gallery-row\" style=\"width: 700px; height: 314px;\" data-original-width=\"700\" data-original-height=\"314\" > <div class=\"gallery-group images-2\" style=\"width: 233px; height: 314px;\" data-original-width=\"233\" data-original-height=\"314\" > <div class=\"tiled-gallery-item tiled-gallery-item-small\" itemprop=\"associatedMedia\" itemscope itemtype=\"http:\/\/schema.org\/ImageObject\"> <a href=\"https:\/\/itayachtscanada.com\/fr\/listing\/sunreef-80-sail-2022-8677777-usd-for-sale\/capture-decran-le-2023-11-20-a-15-15-28\/\" border=\"0\" itemprop=\"url\"> <meta itemprop=\"width\" content=\"229\"> <meta itemprop=\"height\" content=\"153\"> <img decoding=\"async\" class=\"\" data-attachment-id=\"142188\" data-orig-file=\"https:\/\/itayachtscanada.com\/wp-content\/uploads\/2023\/11\/Capture-decran-le-2023-11-20-a-15.15.28.png\" data-orig-size=\"1712,1146\" data-comments-opened=\"1\" data-image-meta=\"{&quot;aperture&quot;:&quot;0&quot;,&quot;credit&quot;:&quot;&quot;,&quot;camera&quot;:&quot;&quot;,&quot;caption&quot;:&quot;&quot;,&quot;created_timestamp&quot;:&quot;0&quot;,&quot;copyright&quot;:&quot;&quot;,&quot;focal_length&quot;:&quot;0&quot;,&quot;iso&quot;:&quot;0&quot;,&quot;shutter_speed&quot;:&quot;0&quot;,&quot;title&quot;:&quot;&quot;,&quot;orientation&quot;:&quot;0&quot;}\" data-image-title=\"Capture d\u2019\u00e9cran, le 2023-11-20 \u00e0 15.15.28\" data-image-description=\"\" data-medium-file=\"https:\/\/i0.wp.com\/itayachtscanada.com\/wp-content\/uploads\/2023\/11\/Capture-decran-le-2023-11-20-a-15.15.28.png?fit=300%2C201&#038;ssl=1\" data-large-file=\"https:\/\/i0.wp.com\/itayachtscanada.com\/wp-content\/uploads\/2023\/11\/Capture-decran-le-2023-11-20-a-15.15.28.png?fit=700%2C468&#038;ssl=1\" src=\"https:\/\/i0.wp.com\/itayachtscanada.com\/wp-content\/uploads\/2023\/11\/Capture-decran-le-2023-11-20-a-15.15.28.png?w=229&#038;h=153&#038;ssl=1\" srcset=\"https:\/\/i0.wp.com\/itayachtscanada.com\/wp-content\/uploads\/2023\/11\/Capture-decran-le-2023-11-20-a-15.15.28.png?w=1712&amp;ssl=1 1712w, https:\/\/i0.wp.com\/itayachtscanada.com\/wp-content\/uploads\/2023\/11\/Capture-decran-le-2023-11-20-a-15.15.28.png?resize=300%2C201&amp;ssl=1 300w, https:\/\/i0.wp.com\/itayachtscanada.com\/wp-content\/uploads\/2023\/11\/Capture-decran-le-2023-11-20-a-15.15.28.png?resize=1024%2C685&amp;ssl=1 1024w, https:\/\/i0.wp.com\/itayachtscanada.com\/wp-content\/uploads\/2023\/11\/Capture-decran-le-2023-11-20-a-15.15.28.png?resize=768%2C514&amp;ssl=1 768w, https:\/\/i0.wp.com\/itayachtscanada.com\/wp-content\/uploads\/2023\/11\/Capture-decran-le-2023-11-20-a-15.15.28.png?resize=1536%2C1028&amp;ssl=1 1536w, https:\/\/i0.wp.com\/itayachtscanada.com\/wp-content\/uploads\/2023\/11\/Capture-decran-le-2023-11-20-a-15.15.28.png?resize=1200%2C803&amp;ssl=1 1200w, https:\/\/i0.wp.com\/itayachtscanada.com\/wp-content\/uploads\/2023\/11\/Capture-decran-le-2023-11-20-a-15.15.28.png?resize=700%2C469&amp;ssl=1 700w, https:\/\/i0.wp.com\/itayachtscanada.com\/wp-content\/uploads\/2023\/11\/Capture-decran-le-2023-11-20-a-15.15.28.png?resize=900%2C600&amp;ssl=1 900w, https:\/\/i0.wp.com\/itayachtscanada.com\/wp-content\/uploads\/2023\/11\/Capture-decran-le-2023-11-20-a-15.15.28.png?resize=598%2C400&amp;ssl=1 598w, https:\/\/i0.wp.com\/itayachtscanada.com\/wp-content\/uploads\/2023\/11\/Capture-decran-le-2023-11-20-a-15.15.28.png?w=1400&amp;ssl=1 1400w\" width=\"229\" height=\"153\" loading=\"lazy\" data-original-width=\"229\" data-original-height=\"153\" itemprop=\"http:\/\/schema.org\/image\" title=\"Capture d\u2019\u00e9cran, le 2023-11-20 \u00e0 15.15.28\" alt=\"Capture d\u2019\u00e9cran, le 2023-11-20 \u00e0 15.15.28\" style=\"width: 229px; height: 153px;\" \/> <\/a> <\/div> <div class=\"tiled-gallery-item tiled-gallery-item-small\" itemprop=\"associatedMedia\" itemscope itemtype=\"http:\/\/schema.org\/ImageObject\"> <a href=\"https:\/\/itayachtscanada.com\/fr\/listing\/sunreef-80-sail-2022-8677777-usd-for-sale\/capture-decran-le-2023-11-20-a-15-15-25\/\" border=\"0\" itemprop=\"url\"> <meta itemprop=\"width\" content=\"229\"> <meta itemprop=\"height\" content=\"153\"> <img decoding=\"async\" class=\"\" data-attachment-id=\"142189\" data-orig-file=\"https:\/\/itayachtscanada.com\/wp-content\/uploads\/2023\/11\/Capture-decran-le-2023-11-20-a-15.15.25.png\" data-orig-size=\"1712,1146\" data-comments-opened=\"1\" data-image-meta=\"{&quot;aperture&quot;:&quot;0&quot;,&quot;credit&quot;:&quot;&quot;,&quot;camera&quot;:&quot;&quot;,&quot;caption&quot;:&quot;&quot;,&quot;created_timestamp&quot;:&quot;0&quot;,&quot;copyright&quot;:&quot;&quot;,&quot;focal_length&quot;:&quot;0&quot;,&quot;iso&quot;:&quot;0&quot;,&quot;shutter_speed&quot;:&quot;0&quot;,&quot;title&quot;:&quot;&quot;,&quot;orientation&quot;:&quot;0&quot;}\" data-image-title=\"Capture d\u2019\u00e9cran, le 2023-11-20 \u00e0 15.15.25\" data-image-description=\"\" data-medium-file=\"https:\/\/i0.wp.com\/itayachtscanada.com\/wp-content\/uploads\/2023\/11\/Capture-decran-le-2023-11-20-a-15.15.25.png?fit=300%2C201&#038;ssl=1\" data-large-file=\"https:\/\/i0.wp.com\/itayachtscanada.com\/wp-content\/uploads\/2023\/11\/Capture-decran-le-2023-11-20-a-15.15.25.png?fit=700%2C468&#038;ssl=1\" src=\"https:\/\/i0.wp.com\/itayachtscanada.com\/wp-content\/uploads\/2023\/11\/Capture-decran-le-2023-11-20-a-15.15.25.png?w=229&#038;h=153&#038;ssl=1\" srcset=\"https:\/\/i0.wp.com\/itayachtscanada.com\/wp-content\/uploads\/2023\/11\/Capture-decran-le-2023-11-20-a-15.15.25.png?w=1712&amp;ssl=1 1712w, https:\/\/i0.wp.com\/itayachtscanada.com\/wp-content\/uploads\/2023\/11\/Capture-decran-le-2023-11-20-a-15.15.25.png?resize=300%2C201&amp;ssl=1 300w, https:\/\/i0.wp.com\/itayachtscanada.com\/wp-content\/uploads\/2023\/11\/Capture-decran-le-2023-11-20-a-15.15.25.png?resize=1024%2C685&amp;ssl=1 1024w, https:\/\/i0.wp.com\/itayachtscanada.com\/wp-content\/uploads\/2023\/11\/Capture-decran-le-2023-11-20-a-15.15.25.png?resize=768%2C514&amp;ssl=1 768w, https:\/\/i0.wp.com\/itayachtscanada.com\/wp-content\/uploads\/2023\/11\/Capture-decran-le-2023-11-20-a-15.15.25.png?resize=1536%2C1028&amp;ssl=1 1536w, https:\/\/i0.wp.com\/itayachtscanada.com\/wp-content\/uploads\/2023\/11\/Capture-decran-le-2023-11-20-a-15.15.25.png?resize=1200%2C803&amp;ssl=1 1200w, https:\/\/i0.wp.com\/itayachtscanada.com\/wp-content\/uploads\/2023\/11\/Capture-decran-le-2023-11-20-a-15.15.25.png?resize=700%2C469&amp;ssl=1 700w, https:\/\/i0.wp.com\/itayachtscanada.com\/wp-content\/uploads\/2023\/11\/Capture-decran-le-2023-11-20-a-15.15.25.png?resize=900%2C600&amp;ssl=1 900w, https:\/\/i0.wp.com\/itayachtscanada.com\/wp-content\/uploads\/2023\/11\/Capture-decran-le-2023-11-20-a-15.15.25.png?resize=598%2C400&amp;ssl=1 598w, https:\/\/i0.wp.com\/itayachtscanada.com\/wp-content\/uploads\/2023\/11\/Capture-decran-le-2023-11-20-a-15.15.25.png?w=1400&amp;ssl=1 1400w\" width=\"229\" height=\"153\" loading=\"lazy\" data-original-width=\"229\" data-original-height=\"153\" itemprop=\"http:\/\/schema.org\/image\" title=\"Capture d\u2019\u00e9cran, le 2023-11-20 \u00e0 15.15.25\" alt=\"Capture d\u2019\u00e9cran, le 2023-11-20 \u00e0 15.15.25\" style=\"width: 229px; height: 153px;\" \/> <\/a> <\/div> <\/div> <!-- close group --> <div class=\"gallery-group images-1\" style=\"width: 467px; height: 314px;\" data-original-width=\"467\" data-original-height=\"314\" > <div class=\"tiled-gallery-item tiled-gallery-item-large\" itemprop=\"associatedMedia\" itemscope itemtype=\"http:\/\/schema.org\/ImageObject\"> <a href=\"https:\/\/itayachtscanada.com\/fr\/listing\/sunreef-80-sail-2022-8677777-usd-for-sale\/capture-decran-le-2023-11-20-a-15-15-22\/\" border=\"0\" itemprop=\"url\"> <meta itemprop=\"width\" content=\"463\"> <meta itemprop=\"height\" content=\"310\"> <img decoding=\"async\" class=\"\" data-attachment-id=\"142190\" data-orig-file=\"https:\/\/itayachtscanada.com\/wp-content\/uploads\/2023\/11\/Capture-decran-le-2023-11-20-a-15.15.22.png\" data-orig-size=\"1712,1146\" data-comments-opened=\"1\" data-image-meta=\"{&quot;aperture&quot;:&quot;0&quot;,&quot;credit&quot;:&quot;&quot;,&quot;camera&quot;:&quot;&quot;,&quot;caption&quot;:&quot;&quot;,&quot;created_timestamp&quot;:&quot;0&quot;,&quot;copyright&quot;:&quot;&quot;,&quot;focal_length&quot;:&quot;0&quot;,&quot;iso&quot;:&quot;0&quot;,&quot;shutter_speed&quot;:&quot;0&quot;,&quot;title&quot;:&quot;&quot;,&quot;orientation&quot;:&quot;0&quot;}\" data-image-title=\"Capture d\u2019\u00e9cran, le 2023-11-20 \u00e0 15.15.22\" data-image-description=\"\" data-medium-file=\"https:\/\/i0.wp.com\/itayachtscanada.com\/wp-content\/uploads\/2023\/11\/Capture-decran-le-2023-11-20-a-15.15.22.png?fit=300%2C201&#038;ssl=1\" data-large-file=\"https:\/\/i0.wp.com\/itayachtscanada.com\/wp-content\/uploads\/2023\/11\/Capture-decran-le-2023-11-20-a-15.15.22.png?fit=700%2C468&#038;ssl=1\" src=\"https:\/\/i0.wp.com\/itayachtscanada.com\/wp-content\/uploads\/2023\/11\/Capture-decran-le-2023-11-20-a-15.15.22.png?w=463&#038;h=310&#038;ssl=1\" srcset=\"https:\/\/i0.wp.com\/itayachtscanada.com\/wp-content\/uploads\/2023\/11\/Capture-decran-le-2023-11-20-a-15.15.22.png?w=1712&amp;ssl=1 1712w, https:\/\/i0.wp.com\/itayachtscanada.com\/wp-content\/uploads\/2023\/11\/Capture-decran-le-2023-11-20-a-15.15.22.png?resize=300%2C201&amp;ssl=1 300w, https:\/\/i0.wp.com\/itayachtscanada.com\/wp-content\/uploads\/2023\/11\/Capture-decran-le-2023-11-20-a-15.15.22.png?resize=1024%2C685&amp;ssl=1 1024w, https:\/\/i0.wp.com\/itayachtscanada.com\/wp-content\/uploads\/2023\/11\/Capture-decran-le-2023-11-20-a-15.15.22.png?resize=768%2C514&amp;ssl=1 768w, https:\/\/i0.wp.com\/itayachtscanada.com\/wp-content\/uploads\/2023\/11\/Capture-decran-le-2023-11-20-a-15.15.22.png?resize=1536%2C1028&amp;ssl=1 1536w, https:\/\/i0.wp.com\/itayachtscanada.com\/wp-content\/uploads\/2023\/11\/Capture-decran-le-2023-11-20-a-15.15.22.png?resize=1200%2C803&amp;ssl=1 1200w, https:\/\/i0.wp.com\/itayachtscanada.com\/wp-content\/uploads\/2023\/11\/Capture-decran-le-2023-11-20-a-15.15.22.png?resize=700%2C469&amp;ssl=1 700w, https:\/\/i0.wp.com\/itayachtscanada.com\/wp-content\/uploads\/2023\/11\/Capture-decran-le-2023-11-20-a-15.15.22.png?resize=900%2C600&amp;ssl=1 900w, https:\/\/i0.wp.com\/itayachtscanada.com\/wp-content\/uploads\/2023\/11\/Capture-decran-le-2023-11-20-a-15.15.22.png?resize=598%2C400&amp;ssl=1 598w, https:\/\/i0.wp.com\/itayachtscanada.com\/wp-content\/uploads\/2023\/11\/Capture-decran-le-2023-11-20-a-15.15.22.png?w=1400&amp;ssl=1 1400w\" width=\"463\" height=\"310\" loading=\"lazy\" data-original-width=\"463\" data-original-height=\"310\" itemprop=\"http:\/\/schema.org\/image\" title=\"Capture d\u2019\u00e9cran, le 2023-11-20 \u00e0 15.15.22\" alt=\"Capture d\u2019\u00e9cran, le 2023-11-20 \u00e0 15.15.22\" style=\"width: 463px; height: 310px;\" \/> <\/a> <\/div> <\/div> <!-- close group --> <\/div> <!-- close row --> <div class=\"gallery-row\" style=\"width: 700px; height: 325px;\" data-original-width=\"700\" data-original-height=\"325\" > <div class=\"gallery-group images-1\" style=\"width: 484px; height: 325px;\" data-original-width=\"484\" data-original-height=\"325\" > <div class=\"tiled-gallery-item tiled-gallery-item-large\" itemprop=\"associatedMedia\" itemscope itemtype=\"http:\/\/schema.org\/ImageObject\"> <a href=\"https:\/\/itayachtscanada.com\/fr\/listing\/sunreef-80-sail-2022-8677777-usd-for-sale\/capture-decran-le-2023-11-20-a-15-15-17\/\" border=\"0\" itemprop=\"url\"> <meta itemprop=\"width\" content=\"480\"> <meta itemprop=\"height\" content=\"321\"> <img decoding=\"async\" class=\"\" data-attachment-id=\"142191\" data-orig-file=\"https:\/\/itayachtscanada.com\/wp-content\/uploads\/2023\/11\/Capture-decran-le-2023-11-20-a-15.15.17.png\" data-orig-size=\"1712,1146\" data-comments-opened=\"1\" data-image-meta=\"{&quot;aperture&quot;:&quot;0&quot;,&quot;credit&quot;:&quot;&quot;,&quot;camera&quot;:&quot;&quot;,&quot;caption&quot;:&quot;&quot;,&quot;created_timestamp&quot;:&quot;0&quot;,&quot;copyright&quot;:&quot;&quot;,&quot;focal_length&quot;:&quot;0&quot;,&quot;iso&quot;:&quot;0&quot;,&quot;shutter_speed&quot;:&quot;0&quot;,&quot;title&quot;:&quot;&quot;,&quot;orientation&quot;:&quot;0&quot;}\" data-image-title=\"Capture d\u2019\u00e9cran, le 2023-11-20 \u00e0 15.15.17\" data-image-description=\"\" data-medium-file=\"https:\/\/i0.wp.com\/itayachtscanada.com\/wp-content\/uploads\/2023\/11\/Capture-decran-le-2023-11-20-a-15.15.17.png?fit=300%2C201&#038;ssl=1\" data-large-file=\"https:\/\/i0.wp.com\/itayachtscanada.com\/wp-content\/uploads\/2023\/11\/Capture-decran-le-2023-11-20-a-15.15.17.png?fit=700%2C468&#038;ssl=1\" src=\"https:\/\/i0.wp.com\/itayachtscanada.com\/wp-content\/uploads\/2023\/11\/Capture-decran-le-2023-11-20-a-15.15.17.png?w=480&#038;h=321&#038;ssl=1\" srcset=\"https:\/\/i0.wp.com\/itayachtscanada.com\/wp-content\/uploads\/2023\/11\/Capture-decran-le-2023-11-20-a-15.15.17.png?w=1712&amp;ssl=1 1712w, https:\/\/i0.wp.com\/itayachtscanada.com\/wp-content\/uploads\/2023\/11\/Capture-decran-le-2023-11-20-a-15.15.17.png?resize=300%2C201&amp;ssl=1 300w, https:\/\/i0.wp.com\/itayachtscanada.com\/wp-content\/uploads\/2023\/11\/Capture-decran-le-2023-11-20-a-15.15.17.png?resize=1024%2C685&amp;ssl=1 1024w, https:\/\/i0.wp.com\/itayachtscanada.com\/wp-content\/uploads\/2023\/11\/Capture-decran-le-2023-11-20-a-15.15.17.png?resize=768%2C514&amp;ssl=1 768w, https:\/\/i0.wp.com\/itayachtscanada.com\/wp-content\/uploads\/2023\/11\/Capture-decran-le-2023-11-20-a-15.15.17.png?resize=1536%2C1028&amp;ssl=1 1536w, https:\/\/i0.wp.com\/itayachtscanada.com\/wp-content\/uploads\/2023\/11\/Capture-decran-le-2023-11-20-a-15.15.17.png?resize=1200%2C803&amp;ssl=1 1200w, https:\/\/i0.wp.com\/itayachtscanada.com\/wp-content\/uploads\/2023\/11\/Capture-decran-le-2023-11-20-a-15.15.17.png?resize=700%2C469&amp;ssl=1 700w, https:\/\/i0.wp.com\/itayachtscanada.com\/wp-content\/uploads\/2023\/11\/Capture-decran-le-2023-11-20-a-15.15.17.png?resize=900%2C600&amp;ssl=1 900w, https:\/\/i0.wp.com\/itayachtscanada.com\/wp-content\/uploads\/2023\/11\/Capture-decran-le-2023-11-20-a-15.15.17.png?resize=598%2C400&amp;ssl=1 598w, https:\/\/i0.wp.com\/itayachtscanada.com\/wp-content\/uploads\/2023\/11\/Capture-decran-le-2023-11-20-a-15.15.17.png?w=1400&amp;ssl=1 1400w\" width=\"480\" height=\"321\" loading=\"lazy\" data-original-width=\"480\" data-original-height=\"321\" itemprop=\"http:\/\/schema.org\/image\" title=\"Capture d\u2019\u00e9cran, le 2023-11-20 \u00e0 15.15.17\" alt=\"Capture d\u2019\u00e9cran, le 2023-11-20 \u00e0 15.15.17\" style=\"width: 480px; height: 321px;\" \/> <\/a> <\/div> <\/div> <!-- close group --> <div class=\"gallery-group images-1\" style=\"width: 216px; height: 325px;\" data-original-width=\"216\" data-original-height=\"325\" > <div class=\"tiled-gallery-item tiled-gallery-item-small\" itemprop=\"associatedMedia\" itemscope itemtype=\"http:\/\/schema.org\/ImageObject\"> <a href=\"https:\/\/itayachtscanada.com\/fr\/listing\/sunreef-80-sail-2022-8677777-usd-for-sale\/capture-decran-le-2023-11-20-a-15-15-08\/\" border=\"0\" itemprop=\"url\"> <meta itemprop=\"width\" content=\"212\"> <meta itemprop=\"height\" content=\"321\"> <img decoding=\"async\" class=\"\" data-attachment-id=\"142192\" data-orig-file=\"https:\/\/itayachtscanada.com\/wp-content\/uploads\/2023\/11\/Capture-decran-le-2023-11-20-a-15.15.08.png\" data-orig-size=\"758,1146\" data-comments-opened=\"1\" data-image-meta=\"{&quot;aperture&quot;:&quot;0&quot;,&quot;credit&quot;:&quot;&quot;,&quot;camera&quot;:&quot;&quot;,&quot;caption&quot;:&quot;&quot;,&quot;created_timestamp&quot;:&quot;0&quot;,&quot;copyright&quot;:&quot;&quot;,&quot;focal_length&quot;:&quot;0&quot;,&quot;iso&quot;:&quot;0&quot;,&quot;shutter_speed&quot;:&quot;0&quot;,&quot;title&quot;:&quot;&quot;,&quot;orientation&quot;:&quot;0&quot;}\" data-image-title=\"Capture d\u2019\u00e9cran, le 2023-11-20 \u00e0 15.15.08\" data-image-description=\"\" data-medium-file=\"https:\/\/i0.wp.com\/itayachtscanada.com\/wp-content\/uploads\/2023\/11\/Capture-decran-le-2023-11-20-a-15.15.08.png?fit=198%2C300&#038;ssl=1\" data-large-file=\"https:\/\/i0.wp.com\/itayachtscanada.com\/wp-content\/uploads\/2023\/11\/Capture-decran-le-2023-11-20-a-15.15.08.png?fit=677%2C1024&#038;ssl=1\" src=\"https:\/\/i0.wp.com\/itayachtscanada.com\/wp-content\/uploads\/2023\/11\/Capture-decran-le-2023-11-20-a-15.15.08.png?w=212&#038;h=321&#038;ssl=1\" srcset=\"https:\/\/i0.wp.com\/itayachtscanada.com\/wp-content\/uploads\/2023\/11\/Capture-decran-le-2023-11-20-a-15.15.08.png?w=758&amp;ssl=1 758w, https:\/\/i0.wp.com\/itayachtscanada.com\/wp-content\/uploads\/2023\/11\/Capture-decran-le-2023-11-20-a-15.15.08.png?resize=198%2C300&amp;ssl=1 198w, https:\/\/i0.wp.com\/itayachtscanada.com\/wp-content\/uploads\/2023\/11\/Capture-decran-le-2023-11-20-a-15.15.08.png?resize=677%2C1024&amp;ssl=1 677w, https:\/\/i0.wp.com\/itayachtscanada.com\/wp-content\/uploads\/2023\/11\/Capture-decran-le-2023-11-20-a-15.15.08.png?resize=700%2C1058&amp;ssl=1 700w, https:\/\/i0.wp.com\/itayachtscanada.com\/wp-content\/uploads\/2023\/11\/Capture-decran-le-2023-11-20-a-15.15.08.png?resize=265%2C400&amp;ssl=1 265w\" width=\"212\" height=\"321\" loading=\"lazy\" data-original-width=\"212\" data-original-height=\"321\" itemprop=\"http:\/\/schema.org\/image\" title=\"Capture d\u2019\u00e9cran, le 2023-11-20 \u00e0 15.15.08\" alt=\"Capture d\u2019\u00e9cran, le 2023-11-20 \u00e0 15.15.08\" style=\"width: 212px; height: 321px;\" \/> <\/a> <\/div> <\/div> <!-- close group --> <\/div> <!-- close row --> <div class=\"gallery-row\" style=\"width: 700px; height: 619px;\" data-original-width=\"700\" data-original-height=\"619\" > <div class=\"gallery-group images-1\" style=\"width: 411px; height: 619px;\" data-original-width=\"411\" data-original-height=\"619\" > <div class=\"tiled-gallery-item tiled-gallery-item-large\" itemprop=\"associatedMedia\" itemscope itemtype=\"http:\/\/schema.org\/ImageObject\"> <a href=\"https:\/\/itayachtscanada.com\/fr\/listing\/sunreef-80-sail-2022-8677777-usd-for-sale\/capture-decran-le-2023-11-20-a-15-15-04\/\" border=\"0\" itemprop=\"url\"> <meta itemprop=\"width\" content=\"407\"> <meta itemprop=\"height\" content=\"615\"> <img decoding=\"async\" class=\"\" data-attachment-id=\"142193\" data-orig-file=\"https:\/\/itayachtscanada.com\/wp-content\/uploads\/2023\/11\/Capture-decran-le-2023-11-20-a-15.15.04.png\" data-orig-size=\"758,1146\" data-comments-opened=\"1\" data-image-meta=\"{&quot;aperture&quot;:&quot;0&quot;,&quot;credit&quot;:&quot;&quot;,&quot;camera&quot;:&quot;&quot;,&quot;caption&quot;:&quot;&quot;,&quot;created_timestamp&quot;:&quot;0&quot;,&quot;copyright&quot;:&quot;&quot;,&quot;focal_length&quot;:&quot;0&quot;,&quot;iso&quot;:&quot;0&quot;,&quot;shutter_speed&quot;:&quot;0&quot;,&quot;title&quot;:&quot;&quot;,&quot;orientation&quot;:&quot;0&quot;}\" data-image-title=\"Capture d\u2019\u00e9cran, le 2023-11-20 \u00e0 15.15.04\" data-image-description=\"\" data-medium-file=\"https:\/\/i0.wp.com\/itayachtscanada.com\/wp-content\/uploads\/2023\/11\/Capture-decran-le-2023-11-20-a-15.15.04.png?fit=198%2C300&#038;ssl=1\" data-large-file=\"https:\/\/i0.wp.com\/itayachtscanada.com\/wp-content\/uploads\/2023\/11\/Capture-decran-le-2023-11-20-a-15.15.04.png?fit=677%2C1024&#038;ssl=1\" src=\"https:\/\/i0.wp.com\/itayachtscanada.com\/wp-content\/uploads\/2023\/11\/Capture-decran-le-2023-11-20-a-15.15.04.png?w=407&#038;h=615&#038;ssl=1\" srcset=\"https:\/\/i0.wp.com\/itayachtscanada.com\/wp-content\/uploads\/2023\/11\/Capture-decran-le-2023-11-20-a-15.15.04.png?w=758&amp;ssl=1 758w, https:\/\/i0.wp.com\/itayachtscanada.com\/wp-content\/uploads\/2023\/11\/Capture-decran-le-2023-11-20-a-15.15.04.png?resize=198%2C300&amp;ssl=1 198w, https:\/\/i0.wp.com\/itayachtscanada.com\/wp-content\/uploads\/2023\/11\/Capture-decran-le-2023-11-20-a-15.15.04.png?resize=677%2C1024&amp;ssl=1 677w, https:\/\/i0.wp.com\/itayachtscanada.com\/wp-content\/uploads\/2023\/11\/Capture-decran-le-2023-11-20-a-15.15.04.png?resize=700%2C1058&amp;ssl=1 700w, https:\/\/i0.wp.com\/itayachtscanada.com\/wp-content\/uploads\/2023\/11\/Capture-decran-le-2023-11-20-a-15.15.04.png?resize=265%2C400&amp;ssl=1 265w\" width=\"407\" height=\"615\" loading=\"lazy\" data-original-width=\"407\" data-original-height=\"615\" itemprop=\"http:\/\/schema.org\/image\" title=\"Capture d\u2019\u00e9cran, le 2023-11-20 \u00e0 15.15.04\" alt=\"Capture d\u2019\u00e9cran, le 2023-11-20 \u00e0 15.15.04\" style=\"width: 407px; height: 615px;\" \/> <\/a> <\/div> <\/div> <!-- close group --> <div class=\"gallery-group images-3\" style=\"width: 289px; height: 619px;\" data-original-width=\"289\" data-original-height=\"619\" > <div class=\"tiled-gallery-item tiled-gallery-item-large\" itemprop=\"associatedMedia\" itemscope itemtype=\"http:\/\/schema.org\/ImageObject\"> <a href=\"https:\/\/itayachtscanada.com\/fr\/listing\/sunreef-80-sail-2022-8677777-usd-for-sale\/capture-decran-le-2023-11-20-a-15-14-31\/\" border=\"0\" itemprop=\"url\"> <meta itemprop=\"width\" content=\"285\"> <meta itemprop=\"height\" content=\"203\"> <img decoding=\"async\" class=\"\" data-attachment-id=\"142197\" data-orig-file=\"https:\/\/itayachtscanada.com\/wp-content\/uploads\/2023\/11\/Capture-decran-le-2023-11-20-a-15.14.31.png\" data-orig-size=\"1616,1146\" data-comments-opened=\"1\" data-image-meta=\"{&quot;aperture&quot;:&quot;0&quot;,&quot;credit&quot;:&quot;&quot;,&quot;camera&quot;:&quot;&quot;,&quot;caption&quot;:&quot;&quot;,&quot;created_timestamp&quot;:&quot;0&quot;,&quot;copyright&quot;:&quot;&quot;,&quot;focal_length&quot;:&quot;0&quot;,&quot;iso&quot;:&quot;0&quot;,&quot;shutter_speed&quot;:&quot;0&quot;,&quot;title&quot;:&quot;&quot;,&quot;orientation&quot;:&quot;0&quot;}\" data-image-title=\"Capture d\u2019\u00e9cran, le 2023-11-20 \u00e0 15.14.31\" data-image-description=\"\" data-medium-file=\"https:\/\/i0.wp.com\/itayachtscanada.com\/wp-content\/uploads\/2023\/11\/Capture-decran-le-2023-11-20-a-15.14.31.png?fit=300%2C213&#038;ssl=1\" data-large-file=\"https:\/\/i0.wp.com\/itayachtscanada.com\/wp-content\/uploads\/2023\/11\/Capture-decran-le-2023-11-20-a-15.14.31.png?fit=700%2C496&#038;ssl=1\" src=\"https:\/\/i0.wp.com\/itayachtscanada.com\/wp-content\/uploads\/2023\/11\/Capture-decran-le-2023-11-20-a-15.14.31.png?w=285&#038;h=203&#038;ssl=1\" srcset=\"https:\/\/i0.wp.com\/itayachtscanada.com\/wp-content\/uploads\/2023\/11\/Capture-decran-le-2023-11-20-a-15.14.31.png?w=1616&amp;ssl=1 1616w, https:\/\/i0.wp.com\/itayachtscanada.com\/wp-content\/uploads\/2023\/11\/Capture-decran-le-2023-11-20-a-15.14.31.png?resize=300%2C213&amp;ssl=1 300w, https:\/\/i0.wp.com\/itayachtscanada.com\/wp-content\/uploads\/2023\/11\/Capture-decran-le-2023-11-20-a-15.14.31.png?resize=1024%2C726&amp;ssl=1 1024w, https:\/\/i0.wp.com\/itayachtscanada.com\/wp-content\/uploads\/2023\/11\/Capture-decran-le-2023-11-20-a-15.14.31.png?resize=768%2C545&amp;ssl=1 768w, https:\/\/i0.wp.com\/itayachtscanada.com\/wp-content\/uploads\/2023\/11\/Capture-decran-le-2023-11-20-a-15.14.31.png?resize=1536%2C1089&amp;ssl=1 1536w, https:\/\/i0.wp.com\/itayachtscanada.com\/wp-content\/uploads\/2023\/11\/Capture-decran-le-2023-11-20-a-15.14.31.png?resize=1200%2C851&amp;ssl=1 1200w, https:\/\/i0.wp.com\/itayachtscanada.com\/wp-content\/uploads\/2023\/11\/Capture-decran-le-2023-11-20-a-15.14.31.png?resize=700%2C496&amp;ssl=1 700w, https:\/\/i0.wp.com\/itayachtscanada.com\/wp-content\/uploads\/2023\/11\/Capture-decran-le-2023-11-20-a-15.14.31.png?resize=564%2C400&amp;ssl=1 564w, https:\/\/i0.wp.com\/itayachtscanada.com\/wp-content\/uploads\/2023\/11\/Capture-decran-le-2023-11-20-a-15.14.31.png?w=1400&amp;ssl=1 1400w\" width=\"285\" height=\"203\" loading=\"lazy\" data-original-width=\"285\" data-original-height=\"203\" itemprop=\"http:\/\/schema.org\/image\" title=\"Capture d\u2019\u00e9cran, le 2023-11-20 \u00e0 15.14.31\" alt=\"Capture d\u2019\u00e9cran, le 2023-11-20 \u00e0 15.14.31\" style=\"width: 285px; height: 203px;\" \/> <\/a> <\/div> <div class=\"tiled-gallery-item tiled-gallery-item-large\" itemprop=\"associatedMedia\" itemscope itemtype=\"http:\/\/schema.org\/ImageObject\"> <a href=\"https:\/\/itayachtscanada.com\/fr\/listing\/sunreef-80-sail-2022-8677777-usd-for-sale\/capture-decran-le-2023-11-20-a-15-14-36\/\" border=\"0\" itemprop=\"url\"> <meta itemprop=\"width\" content=\"285\"> <meta itemprop=\"height\" content=\"202\"> <img decoding=\"async\" class=\"\" data-attachment-id=\"142196\" data-orig-file=\"https:\/\/itayachtscanada.com\/wp-content\/uploads\/2023\/11\/Capture-decran-le-2023-11-20-a-15.14.36.png\" data-orig-size=\"1616,1146\" data-comments-opened=\"1\" data-image-meta=\"{&quot;aperture&quot;:&quot;0&quot;,&quot;credit&quot;:&quot;&quot;,&quot;camera&quot;:&quot;&quot;,&quot;caption&quot;:&quot;&quot;,&quot;created_timestamp&quot;:&quot;0&quot;,&quot;copyright&quot;:&quot;&quot;,&quot;focal_length&quot;:&quot;0&quot;,&quot;iso&quot;:&quot;0&quot;,&quot;shutter_speed&quot;:&quot;0&quot;,&quot;title&quot;:&quot;&quot;,&quot;orientation&quot;:&quot;0&quot;}\" data-image-title=\"Capture d\u2019\u00e9cran, le 2023-11-20 \u00e0 15.14.36\" data-image-description=\"\" data-medium-file=\"https:\/\/i0.wp.com\/itayachtscanada.com\/wp-content\/uploads\/2023\/11\/Capture-decran-le-2023-11-20-a-15.14.36.png?fit=300%2C213&#038;ssl=1\" data-large-file=\"https:\/\/i0.wp.com\/itayachtscanada.com\/wp-content\/uploads\/2023\/11\/Capture-decran-le-2023-11-20-a-15.14.36.png?fit=700%2C496&#038;ssl=1\" src=\"https:\/\/i0.wp.com\/itayachtscanada.com\/wp-content\/uploads\/2023\/11\/Capture-decran-le-2023-11-20-a-15.14.36.png?w=285&#038;h=202&#038;ssl=1\" srcset=\"https:\/\/i0.wp.com\/itayachtscanada.com\/wp-content\/uploads\/2023\/11\/Capture-decran-le-2023-11-20-a-15.14.36.png?w=1616&amp;ssl=1 1616w, https:\/\/i0.wp.com\/itayachtscanada.com\/wp-content\/uploads\/2023\/11\/Capture-decran-le-2023-11-20-a-15.14.36.png?resize=300%2C213&amp;ssl=1 300w, https:\/\/i0.wp.com\/itayachtscanada.com\/wp-content\/uploads\/2023\/11\/Capture-decran-le-2023-11-20-a-15.14.36.png?resize=1024%2C726&amp;ssl=1 1024w, https:\/\/i0.wp.com\/itayachtscanada.com\/wp-content\/uploads\/2023\/11\/Capture-decran-le-2023-11-20-a-15.14.36.png?resize=768%2C545&amp;ssl=1 768w, https:\/\/i0.wp.com\/itayachtscanada.com\/wp-content\/uploads\/2023\/11\/Capture-decran-le-2023-11-20-a-15.14.36.png?resize=1536%2C1089&amp;ssl=1 1536w, https:\/\/i0.wp.com\/itayachtscanada.com\/wp-content\/uploads\/2023\/11\/Capture-decran-le-2023-11-20-a-15.14.36.png?resize=1200%2C851&amp;ssl=1 1200w, https:\/\/i0.wp.com\/itayachtscanada.com\/wp-content\/uploads\/2023\/11\/Capture-decran-le-2023-11-20-a-15.14.36.png?resize=700%2C496&amp;ssl=1 700w, https:\/\/i0.wp.com\/itayachtscanada.com\/wp-content\/uploads\/2023\/11\/Capture-decran-le-2023-11-20-a-15.14.36.png?resize=564%2C400&amp;ssl=1 564w, https:\/\/i0.wp.com\/itayachtscanada.com\/wp-content\/uploads\/2023\/11\/Capture-decran-le-2023-11-20-a-15.14.36.png?w=1400&amp;ssl=1 1400w\" width=\"285\" height=\"202\" loading=\"lazy\" data-original-width=\"285\" data-original-height=\"202\" itemprop=\"http:\/\/schema.org\/image\" title=\"Capture d\u2019\u00e9cran, le 2023-11-20 \u00e0 15.14.36\" alt=\"Capture d\u2019\u00e9cran, le 2023-11-20 \u00e0 15.14.36\" style=\"width: 285px; height: 202px;\" \/> <\/a> <\/div> <div class=\"tiled-gallery-item tiled-gallery-item-large\" itemprop=\"associatedMedia\" itemscope itemtype=\"http:\/\/schema.org\/ImageObject\"> <a href=\"https:\/\/itayachtscanada.com\/fr\/listing\/sunreef-80-sail-2022-8677777-usd-for-sale\/capture-decran-le-2023-11-20-a-15-14-42\/\" border=\"0\" itemprop=\"url\"> <meta itemprop=\"width\" content=\"285\"> <meta itemprop=\"height\" content=\"202\"> <img decoding=\"async\" class=\"\" data-attachment-id=\"142195\" data-orig-file=\"https:\/\/itayachtscanada.com\/wp-content\/uploads\/2023\/11\/Capture-decran-le-2023-11-20-a-15.14.42.png\" data-orig-size=\"1616,1146\" data-comments-opened=\"1\" data-image-meta=\"{&quot;aperture&quot;:&quot;0&quot;,&quot;credit&quot;:&quot;&quot;,&quot;camera&quot;:&quot;&quot;,&quot;caption&quot;:&quot;&quot;,&quot;created_timestamp&quot;:&quot;0&quot;,&quot;copyright&quot;:&quot;&quot;,&quot;focal_length&quot;:&quot;0&quot;,&quot;iso&quot;:&quot;0&quot;,&quot;shutter_speed&quot;:&quot;0&quot;,&quot;title&quot;:&quot;&quot;,&quot;orientation&quot;:&quot;0&quot;}\" data-image-title=\"Capture d\u2019\u00e9cran, le 2023-11-20 \u00e0 15.14.42\" data-image-description=\"\" data-medium-file=\"https:\/\/i0.wp.com\/itayachtscanada.com\/wp-content\/uploads\/2023\/11\/Capture-decran-le-2023-11-20-a-15.14.42.png?fit=300%2C213&#038;ssl=1\" data-large-file=\"https:\/\/i0.wp.com\/itayachtscanada.com\/wp-content\/uploads\/2023\/11\/Capture-decran-le-2023-11-20-a-15.14.42.png?fit=700%2C496&#038;ssl=1\" src=\"https:\/\/i0.wp.com\/itayachtscanada.com\/wp-content\/uploads\/2023\/11\/Capture-decran-le-2023-11-20-a-15.14.42.png?w=285&#038;h=202&#038;ssl=1\" srcset=\"https:\/\/i0.wp.com\/itayachtscanada.com\/wp-content\/uploads\/2023\/11\/Capture-decran-le-2023-11-20-a-15.14.42.png?w=1616&amp;ssl=1 1616w, https:\/\/i0.wp.com\/itayachtscanada.com\/wp-content\/uploads\/2023\/11\/Capture-decran-le-2023-11-20-a-15.14.42.png?resize=300%2C213&amp;ssl=1 300w, https:\/\/i0.wp.com\/itayachtscanada.com\/wp-content\/uploads\/2023\/11\/Capture-decran-le-2023-11-20-a-15.14.42.png?resize=1024%2C726&amp;ssl=1 1024w, https:\/\/i0.wp.com\/itayachtscanada.com\/wp-content\/uploads\/2023\/11\/Capture-decran-le-2023-11-20-a-15.14.42.png?resize=768%2C545&amp;ssl=1 768w, https:\/\/i0.wp.com\/itayachtscanada.com\/wp-content\/uploads\/2023\/11\/Capture-decran-le-2023-11-20-a-15.14.42.png?resize=1536%2C1089&amp;ssl=1 1536w, https:\/\/i0.wp.com\/itayachtscanada.com\/wp-content\/uploads\/2023\/11\/Capture-decran-le-2023-11-20-a-15.14.42.png?resize=1200%2C851&amp;ssl=1 1200w, https:\/\/i0.wp.com\/itayachtscanada.com\/wp-content\/uploads\/2023\/11\/Capture-decran-le-2023-11-20-a-15.14.42.png?resize=700%2C496&amp;ssl=1 700w, https:\/\/i0.wp.com\/itayachtscanada.com\/wp-content\/uploads\/2023\/11\/Capture-decran-le-2023-11-20-a-15.14.42.png?resize=564%2C400&amp;ssl=1 564w, https:\/\/i0.wp.com\/itayachtscanada.com\/wp-content\/uploads\/2023\/11\/Capture-decran-le-2023-11-20-a-15.14.42.png?w=1400&amp;ssl=1 1400w\" width=\"285\" height=\"202\" loading=\"lazy\" data-original-width=\"285\" data-original-height=\"202\" itemprop=\"http:\/\/schema.org\/image\" title=\"Capture d\u2019\u00e9cran, le 2023-11-20 \u00e0 15.14.42\" alt=\"Capture d\u2019\u00e9cran, le 2023-11-20 \u00e0 15.14.42\" style=\"width: 285px; height: 202px;\" \/> <\/a> <\/div> <\/div> <!-- close group --> <\/div> <!-- close row --> <div class=\"gallery-row\" style=\"width: 700px; height: 498px;\" data-original-width=\"700\" data-original-height=\"498\" > <div class=\"gallery-group images-1\" style=\"width: 700px; height: 498px;\" data-original-width=\"700\" data-original-height=\"498\" > <div class=\"tiled-gallery-item tiled-gallery-item-large\" itemprop=\"associatedMedia\" itemscope itemtype=\"http:\/\/schema.org\/ImageObject\"> <a href=\"https:\/\/itayachtscanada.com\/fr\/listing\/sunreef-80-sail-2022-8677777-usd-for-sale\/capture-decran-le-2023-11-20-a-15-14-48\/\" border=\"0\" itemprop=\"url\"> <meta itemprop=\"width\" content=\"696\"> <meta itemprop=\"height\" content=\"494\"> <img decoding=\"async\" class=\"\" data-attachment-id=\"142194\" data-orig-file=\"https:\/\/itayachtscanada.com\/wp-content\/uploads\/2023\/11\/Capture-decran-le-2023-11-20-a-15.14.48.png\" data-orig-size=\"1616,1146\" data-comments-opened=\"1\" data-image-meta=\"{&quot;aperture&quot;:&quot;0&quot;,&quot;credit&quot;:&quot;&quot;,&quot;camera&quot;:&quot;&quot;,&quot;caption&quot;:&quot;&quot;,&quot;created_timestamp&quot;:&quot;0&quot;,&quot;copyright&quot;:&quot;&quot;,&quot;focal_length&quot;:&quot;0&quot;,&quot;iso&quot;:&quot;0&quot;,&quot;shutter_speed&quot;:&quot;0&quot;,&quot;title&quot;:&quot;&quot;,&quot;orientation&quot;:&quot;0&quot;}\" data-image-title=\"Capture d\u2019\u00e9cran, le 2023-11-20 \u00e0 15.14.48\" data-image-description=\"\" data-medium-file=\"https:\/\/i0.wp.com\/itayachtscanada.com\/wp-content\/uploads\/2023\/11\/Capture-decran-le-2023-11-20-a-15.14.48.png?fit=300%2C213&#038;ssl=1\" data-large-file=\"https:\/\/i0.wp.com\/itayachtscanada.com\/wp-content\/uploads\/2023\/11\/Capture-decran-le-2023-11-20-a-15.14.48.png?fit=700%2C496&#038;ssl=1\" src=\"https:\/\/i0.wp.com\/itayachtscanada.com\/wp-content\/uploads\/2023\/11\/Capture-decran-le-2023-11-20-a-15.14.48.png?w=696&#038;h=494&#038;ssl=1\" srcset=\"https:\/\/i0.wp.com\/itayachtscanada.com\/wp-content\/uploads\/2023\/11\/Capture-decran-le-2023-11-20-a-15.14.48.png?w=1616&amp;ssl=1 1616w, https:\/\/i0.wp.com\/itayachtscanada.com\/wp-content\/uploads\/2023\/11\/Capture-decran-le-2023-11-20-a-15.14.48.png?resize=300%2C213&amp;ssl=1 300w, https:\/\/i0.wp.com\/itayachtscanada.com\/wp-content\/uploads\/2023\/11\/Capture-decran-le-2023-11-20-a-15.14.48.png?resize=1024%2C726&amp;ssl=1 1024w, https:\/\/i0.wp.com\/itayachtscanada.com\/wp-content\/uploads\/2023\/11\/Capture-decran-le-2023-11-20-a-15.14.48.png?resize=768%2C545&amp;ssl=1 768w, https:\/\/i0.wp.com\/itayachtscanada.com\/wp-content\/uploads\/2023\/11\/Capture-decran-le-2023-11-20-a-15.14.48.png?resize=1536%2C1089&amp;ssl=1 1536w, https:\/\/i0.wp.com\/itayachtscanada.com\/wp-content\/uploads\/2023\/11\/Capture-decran-le-2023-11-20-a-15.14.48.png?resize=1200%2C851&amp;ssl=1 1200w, https:\/\/i0.wp.com\/itayachtscanada.com\/wp-content\/uploads\/2023\/11\/Capture-decran-le-2023-11-20-a-15.14.48.png?resize=700%2C496&amp;ssl=1 700w, https:\/\/i0.wp.com\/itayachtscanada.com\/wp-content\/uploads\/2023\/11\/Capture-decran-le-2023-11-20-a-15.14.48.png?resize=564%2C400&amp;ssl=1 564w, https:\/\/i0.wp.com\/itayachtscanada.com\/wp-content\/uploads\/2023\/11\/Capture-decran-le-2023-11-20-a-15.14.48.png?w=1400&amp;ssl=1 1400w\" width=\"696\" height=\"494\" loading=\"lazy\" data-original-width=\"696\" data-original-height=\"494\" itemprop=\"http:\/\/schema.org\/image\" title=\"Capture d\u2019\u00e9cran, le 2023-11-20 \u00e0 15.14.48\" alt=\"Capture d\u2019\u00e9cran, le 2023-11-20 \u00e0 15.14.48\" style=\"width: 696px; height: 494px;\" \/> <\/a> <\/div> <\/div> <!-- close group --> <\/div> <!-- close row --> <\/div>\n<div class=\"jetpack-video-wrapper\"><span class=\"embed-youtube\" style=\"text-align:center; display: block;\"><iframe loading=\"lazy\" class=\"youtube-player\" width=\"700\" height=\"394\" src=\"https:\/\/www.youtube.com\/embed\/YBomluTgcGo?version=3&#038;rel=1&#038;showsearch=0&#038;showinfo=1&#038;iv_load_policy=1&#038;fs=1&#038;hl=fr-FR&#038;autohide=2&#038;wmode=transparent\" allowfullscreen=\"true\" style=\"border:0;\" sandbox=\"allow-scripts allow-same-origin allow-popups allow-presentation allow-popups-to-escape-sandbox\"><\/iframe><\/span><\/div>\n<div>\n<p>&nbsp;<\/p>\n<div>\n<p><b><span lang=\"EN-US\">\u00a0<\/span><\/b><\/p>\n<p><b><span lang=\"EN-US\">Ita Yachts Canada offers to assist you and see to your interests for the purchase of this yacht that is for sale by another organization. We will be present during the inspection and throughout the transaction regardless of location. The Ita Yachts Canada team is committed to the highest ethical standards.<\/span><\/b><\/p>\n<\/div>\n<div class=\"content-box\">\n<div>\n<p>&nbsp;<\/p>\n<p>CARACT\u00c9RISTIQUES :<\/p>\n<p>Couvertures<br \/>\n&#8211; Bimini Top<br \/>\n&#8211; Capot de protection<br \/>\n&#8211; Taud de grand-voile<br \/>\n&#8211; Lazy Bag<br \/>\n&#8211; Taud de cockpit<br \/>\n&#8211; Lazyjacks<br \/>\n&#8211; Taud de g\u00e9nois<\/p>\n<p>Equipement \u00e9lectrique<br \/>\n&#8211; Prise de courant de quai<br \/>\n&#8211; G\u00e9n\u00e9rateur<br \/>\n&#8211; Onduleur<\/p>\n<p>\u00c9lectronique<br \/>\n&#8211; Sondeur<br \/>\n&#8211; Radar<br \/>\n&#8211; Log-Speedom\u00e8tre<br \/>\n&#8211; D\u00e9tecteur de radar<br \/>\n&#8211; Vitesse et direction du vent<br \/>\n&#8211; Ordinateur<br \/>\n&#8211; R\u00e9p\u00e9titeur(s)<br \/>\n&#8211; T\u00e9l\u00e9viseur<br \/>\n&#8211; Centre de navigation<br \/>\n&#8211; Traceur<br \/>\n&#8211; Pilote automatique<br \/>\n&#8211; Radio<br \/>\n&#8211; Compas<br \/>\n&#8211; GPS<br \/>\n&#8211; Haut-parleurs de cockpit<\/p>\n<p>Equipement int\u00e9rieur<br \/>\n&#8211; Seakeeper<br \/>\n&#8211; Propulseur d&rsquo;\u00e9trave<br \/>\n&#8211; Lave-vaisselle<br \/>\n&#8211; Propulseur d&rsquo;\u00e9trave<br \/>\n&#8211; Machine \u00e0 laver<br \/>\n&#8211; Pompe de cale \u00e9lectrique<br \/>\n&#8211; Four<br \/>\n&#8211; Pompe de cale manuelle<br \/>\n&#8211; Four \u00e0 micro-ondes<br \/>\n&#8211; Compresseur d&rsquo;air<br \/>\n&#8211; Salle d&rsquo;eau marine<br \/>\n&#8211; Climatisation<br \/>\n&#8211; Toilette \u00e9lectrique<br \/>\n&#8211; Chauffage<br \/>\n&#8211; Eau chaude<br \/>\n&#8211; R\u00e9frig\u00e9rateur<br \/>\n&#8211; Dessalinisateur d&rsquo;eau douce<br \/>\n&#8211; Cong\u00e9lateur<br \/>\n&#8211; Pompe \u00e0 eau de mer<br \/>\n&#8211; Chargeur de batterie<\/p>\n<p>\u00c9quipement ext\u00e9rieur\/extras<br \/>\n&#8211; Cockpit en teck<br \/>\n&#8211; Douche de cockpit<br \/>\n&#8211; Ponts lat\u00e9raux en teck<br \/>\n&#8211; Supports pour moteur hors-bord<br \/>\n&#8211; Passerelle ou gangway<br \/>\n&#8211; Bossoirs<br \/>\n&#8211; R\u00e9flecteur de radar<br \/>\n&#8211; G\u00e9n\u00e9rateur \u00e9lectrique \u00e0 partir du \u00a0vent<br \/>\n&#8211; Annexe<br \/>\n&#8211; Panneau solaire<br \/>\n&#8211; Radeau de sauvetage<br \/>\n&#8211; Coussins de cockpit<br \/>\n&#8211; Table de cockpit<br \/>\n&#8211; \u00c9chelle de bain<\/p>\n<p>Gr\u00e9ement<br \/>\n&#8211; Volant de direction<br \/>\n&#8211; Treuil \u00e9lectrique<br \/>\n&#8211; Barre franche<br \/>\n&#8211; M\u00e2t de spinnaker<br \/>\n&#8211; Treuil hydraulique<\/p>\n<p>Voiles<br \/>\n&#8211; Grand Voile enti\u00e8rement latt\u00e9e<br \/>\n&#8211; Foc de temp\u00eate<br \/>\n&#8211; Grand Voile latt\u00e9e<br \/>\n&#8211; Spinnaker<br \/>\n&#8211; Grand Voile \u00e0 enrouleur<br \/>\n&#8211; Gennaker\/Spinnaker de croisi\u00e8re<br \/>\n&#8211; G\u00e9nois<br \/>\n&#8211; Spinnaker asym\u00e9trique<\/p>\n<p>&nbsp;<\/p>\n<div>\n<p><strong>AVIS DE NON-RESPONSABILIT\u00c9<\/strong><\/p>\n<\/div>\n<div>\n<p><strong>Le bateau qui est pr\u00e9sent\u00e9 sur cette page, l\u2019est uniquement \u00e0 titre d&rsquo;information et n&rsquo;est pas n\u00e9cessairement toujours disponible \u00e0 la vente et\/ou \u00e0 la location.<\/strong><span class=\"apple-converted-space\"><b>\u00a0<\/b><\/span><strong>Ce bateau est peut-\u00eatre offert sous r\u00e9serve, il faut v\u00e9rifier sa disponibilit\u00e9.<\/strong><span class=\"apple-converted-space\"><b>\u00a0<\/b><\/span><strong>\u00a0Ce document ou cette annonce n&rsquo;est pas contractuel. Les informations sur les bateaux affich\u00e9es dans les r\u00e9sultats ci-dessus sont pr\u00e9sent\u00e9es en toute bonne foi et, bien qu&rsquo;elles soient consid\u00e9r\u00e9es comme correctes, elles ne sont pas garanties. Ita Yachts Canada ne garantit pas et n&rsquo;assume aucune responsabilit\u00e9 l\u00e9gale ou responsabilit\u00e9 pour l&rsquo;exactitude, l&rsquo;exhaustivit\u00e9 ou l&rsquo;utilit\u00e9 des informations et\/ou des images affich\u00e9es, car elles peuvent ne pas \u00eatre \u00e0 jour ou encore \u00eatres des images d&rsquo;un bateau comparable. Toutes les informations sur les bateaux peuvent \u00eatre modifi\u00e9es sans pr\u00e9avis et sont sans garantie.<\/strong><span class=\"apple-converted-space\">\u00a0<\/span><strong>Ce bateau est peut-\u00eatre offert par un autre courtier ouvert au co-courtage (co-brokerage).<\/strong><\/p>\n<\/div>\n<\/div>\n<\/div>\n<\/div>\n<p>&nbsp;<\/p>\n<div data-test='contact-form'\n\t\t\tid='contact-form-142159'\n\t\t\tclass='jetpack-contact-form-container '\n\t\t\tdata-wp-interactive='jetpack\/form' data-wp-context='{\"formId\":\"142159\",\"formHash\":\"e16806cecafb5389170ed88f6dc0c41edd6aadd6\",\"showErrors\":false,\"errors\":[],\"fields\":[],\"isMultiStep\":false,\"useAjax\":false,\"submissionData\":null,\"formattedSubmissionData\":[],\"submissionSuccess\":false,\"submissionError\":null,\"elementId\":\"jp-form-e16806cecafb5389170ed88f6dc0c41edd6aadd6\",\"isSingleInputForm\":false,\"isForcedHorizontal\":false}'\n\t\t\tdata-wp-watch--scroll-to-wrapper=\"callbacks.scrollToWrapper\"\n\t\t>\n<div class=\"contact-form-submission contact-form-ajax-submission\" data-wp-bind--aria-hidden=\"state.isSuccessMessageAriaHidden\" data-wp-class--submission-success=\"context.submissionSuccess\" id=\"contact-form-success-e16806cecafb5389170ed88f6dc0c41edd6aadd6\" tabindex=\"-1\" aria-labelledby=\"contact-form-success-header-e16806cecafb5389170ed88f6dc0c41edd6aadd6\"><p class=\"go-back-message\"><a class=\"link\" role=\"button\" tabindex=\"0\" data-wp-on--click=\"actions.goBack\" href=\"\/fr\/wp-json\/wp\/v2\/listing\/142159\">\u2190 Retour<\/a><\/p><h4 data-wp-bind--aria-hidden=\"state.isSuccessMessageAriaHidden\" id=\"contact-form-success-header-e16806cecafb5389170ed88f6dc0c41edd6aadd6\">Merci pour votre r\u00e9ponse. \u2728<\/h4>\n\n<template data-wp-each--submission=\"context.formattedSubmissionData\">\n\t\t\t\t\t<div class=\"jetpack_forms_contact-form-success-summary\">\n\t\t\t\t\t\t<div class=\"field-name-wrapper\">\n\t\t\t\t\t\t\t<div class=\"field-type-icon\" data-wp-watch=\"callbacks.watchFieldTypeIcon\"><\/div>\n\t\t\t\t\t\t\t<div class=\"field-name\" data-wp-text=\"context.submission.label\" data-wp-bind--hidden=\"!context.submission.label\"><\/div>\n\t\t\t\t\t\t<\/div>\n\t\t\t\t\t\t<div class=\"field-value\" data-wp-text=\"context.submission.value\" data-wp-bind--hidden=\"!context.submission.showPlainValue\"><\/div>\n\t\t\t\t\t\t<a class=\"field-url\" data-wp-bind--href=\"context.submission.url\" data-wp-text=\"context.submission.value\" data-wp-bind--hidden=\"!context.submission.url\" target=\"_blank\" rel=\"noopener noreferrer\"><\/a>\n\t\t\t\t\t\t<div class=\"field-rating\" data-wp-bind--hidden=\"!context.submission.rating\" data-wp-watch=\"callbacks.watchRatingIcons\"><\/div>\n\t\t\t\t\t\t<div class=\"field-images\" data-wp-bind--hidden=\"!context.submission.images\">\n\t\t\t\t\t\t\t<template data-wp-each--image=\"context.submission.images\">\n\t\t\t\t\t\t\t\t<div class=\"field-image-option\" data-wp-class--is-empty=\"!context.image.src\">\n\t\t\t\t\t\t\t\t\t<figure class=\"field-image-option__image\" data-wp-class--is-empty=\"!context.image.src\">\n\t\t\t\t\t\t\t\t\t\t<img data-wp-bind--src=\"context.image.src\" data-wp-bind--hidden=\"!context.image.src\" \/>\n\t\t\t\t\t\t\t\t\t\t<img decoding=\"async\" src=\"data:image\/gif;base64,R0lGODlhAQABAAD\/ACwAAAAAAQABAAACADs=\" data-wp-bind--hidden=\"context.image.src\" \/>\n\t\t\t\t\t\t\t\t\t<\/figure>\n\t\t\t\t\t\t\t\t\t<div class=\"field-image-option__label-wrapper\">\n\t\t\t\t\t\t\t\t\t\t<span class=\"field-image-option__label-code\" data-wp-text=\"context.image.letterCode\"><\/span>\n\t\t\t\t\t\t\t\t\t\t<span class=\"field-image-option__label\" data-wp-text=\"context.image.label\" data-wp-bind--hidden=\"!context.image.label\"><\/span>\n\t\t\t\t\t\t\t\t\t<\/div>\n\t\t\t\t\t\t\t\t<\/div>\n\t\t\t\t\t\t\t<\/template>\n\t\t\t\t\t\t<\/div>\n\t\t\t\t\t\t<div class=\"field-files\" data-wp-bind--hidden=\"!context.submission.files\">\n\t\t\t\t\t\t\t<template data-wp-each--file=\"context.submission.files\">\n\t\t\t\t\t\t\t\t<div class=\"field-file\">\n\t\t\t\t\t\t\t\t\t<div class=\"field-file__thumbnail\" data-wp-style--background-image=\"context.file.previewUrl\" data-wp-style--mask-image=\"context.file.iconUrl\" data-wp-bind--hidden=\"!context.file.hasPreview\"><\/div>\n\t\t\t\t\t\t\t\t\t<svg class=\"field-file__icon\" data-wp-bind--hidden=\"context.file.hasPreview\" width=\"20\" height=\"20\" viewBox=\"0 0 24 24\" fill=\"none\" xmlns=\"http:\/\/www.w3.org\/2000\/svg\" aria-hidden=\"true\">\n\t\t\t\t\t\t\t\t\t\t<path d=\"M14 2H6C4.9 2 4 2.9 4 4V20C4 21.1 4.89 22 5.99 22H18C19.1 22 20 21.1 20 20V8L14 2ZM18 20H6V4H13V9H18V20Z\" fill=\"currentColor\"\/>\n\t\t\t\t\t\t\t\t\t<\/svg>\n\t\t\t\t\t\t\t\t\t<span class=\"field-file__name\" data-wp-text=\"context.file.name\"><\/span>\n\t\t\t\t\t\t\t\t\t<span class=\"field-file__size\" data-wp-text=\"context.file.size\"><\/span>\n\t\t\t\t\t\t\t\t<\/div>\n\t\t\t\t\t\t\t<\/template>\n\t\t\t\t\t\t<\/div>\n\t\t\t\t\t<\/div>\n\t\t\t\t<\/template><\/div><form action='https:\/\/itayachtscanada.com\/fr\/listing\/sunreef-80-sail-2022-8677777-usd-for-sale\/'\n\t\t\t\tid='jp-form-e16806cecafb5389170ed88f6dc0c41edd6aadd6'\n\t\t\t\tmethod='post'\n\t\t\t\tclass='contact-form commentsblock jetpack-contact-form__form has-no-jetpack-form-layout' aria-label=\"{:en}Sunreef 80 Sail 2022 $6,299,000 usd for sale{:}{:fr}Sunreef 80 Sail 2022 $6,299,000 usd \u00e0 vendre{:}\"\n\t\t\t\tdata-wp-on--submit=\"actions.onFormSubmit\"\n\t\t\t\tdata-wp-on--reset=\"actions.onFormReset\"\n\t\t\t\tdata-wp-class--submission-success=\"context.submissionSuccess\"\n\t\t\t\tdata-wp-class--is-first-step=\"state.isFirstStep\"\n\t\t\t\tdata-wp-class--is-last-step=\"state.isLastStep\"\n\t\t\t\tdata-wp-class--is-ajax-form=\"context.useAjax\"\n\t\t\t\tnovalidate >\n<input type='hidden' name='jetpack_contact_form_jwt' value='eyJ0eXAiOiJKV1QiLCJhbGciOiJIUzI1NiJ9.eyJlbmNyeXB0ZWRfYXR0cmlidXRlcyI6InZlK1hxUDdqTDNrWlo1c2Q5WWkwdVNLVWFBYVl6dUM3OXp5aWJiS3N6MldOcGpRK1VscUZON2ZSKy9RZzJSTzZ5ZHpQd3VWWkVpQWZMVkVHdU9ZR0V2MUd3SjJzMm42UWhENk5rWHJWSXgrV2YyeFV0VWxEYVdyMS9ha2xnblZuYmtmN1VXTXdxZWtGVnFoQzFsZm5pbllvQSt2SHR3U3RDTDl1eFRSclR0Z2VYYmREcEtUNTIzSjZQQkhnYmhSUy9NRjR2M3BiRkZOK0UvVnowazIyc2tLdVB6YmpEdm56Q1BnUk10MkZ1cXdYdFZXS1UwMXNSMWVPazg0bnpJT0RUT2EwN0FDbXdKVTFUdmpTM21aVGszQkh3aVVlZXpKUU5TTHZOcmFvRERTM21zaDZGTzV5R3hYWmxYR3BCL1dlTjFnWkhTaDEwRkFhWWNUWHMvSVE2UlFoUTZ0b0M4T3Fjd3Z1TmVqVlV4Nmd5WWJjbTBhZUR0QitJNWt0MmViYTRPV3JOZ1A3aTEzUXV5VWpWbHZSeXFHNmM4NWFqMWZCYU10RDREMnp0blBvT1V1bVc1bWlsYXI2OGJ6aVdGL0ZpTlVEaXBGOGVNVnV3TzVicXEzMnpuc2NGSUF4a0hPNmJZZUlwanNteG1GTXQyTDhjWkhJUERKMWpNc29tRm9teExzOXNhdTNJbVVuL3AwN2NEVVpwbmU3bkhnZzNJMDFCTzBBakdJVEQxdml1cmlaREZ6Y0dGbXJJR0c1dllHa3U0R1RXdG8zdG9EU0dPOGZ2Y2FrelB4M25YdFhKU1hBbkVISVlTTVIxVUd6OE1nNnMvc2pmNkdwRVhTNzJOTWlOVC9oQU93OXhndzZQR0lTazdxMzRudlBuYXBuUzNjZUV5OGNEMXlnY0pGZVhRNzhTWkI0allHWXRxcTBzYStSV3gwWk1SQnErZUwvaXE0R1VncHB0MzRxbjgrTTFvVS9Eby92d2podi9pYkVXb2I5Sk4xUytKWU5xN3NHd3hqZWZrQTFKQm5wMWxwWmFmdmUvZmxjSzNDTnY3eExkRGtlMlBkdlNCN0x3NFM2dVB4WkFpRFdUNnJSSXdYL0FaM0lkblNPVm8wL21hZlZJR0QwaHFxelpoZUR2TTVmMDlER2lkMzdzK0c5NWxzbHkxZ2V5SGU1ejdqR1Y4TVZTemRCTUwwYVFBVi92cXdzZEhjcEVyQUFMM0VWN1o3bWZYWDFJZk9OM0kwNk9TeDBTZWtvWlBsWlRTdkZXUWozVFlhdHRydWJpb2tqN3FTMldEYzZmMDN3WFlmNkJyQjRyUG9kcnc9PSIsImNvbnRlbnQiOiJbY29udGFjdC1maWVsZCBsYWJlbD1cIk5vbVwiIHR5cGU9XCJuYW1lXCIgcmVxdWlyZWQ9XCIxXCJdW2NvbnRhY3QtZmllbGQgbGFiZWw9XCJFLW1haWxcIiB0eXBlPVwiZW1haWxcIiByZXF1aXJlZD1cIjFcIl1bY29udGFjdC1maWVsZCBsYWJlbD1cIkF1IHN1amV0IGRlIGNlIGNhdGFtYXJhbiAgOiBcIiB0eXBlPVwidGV4dFwiXVtjb250YWN0LWZpZWxkIGxhYmVsPVwiTWVzc2FnZVwiIHR5cGU9XCJ0ZXh0YXJlYVwiXSIsImhhc2giOiJlMTY4MDZjZWNhZmI1Mzg5MTcwZWQ4OGY2ZGMwYzQxZWRkNmFhZGQ2Iiwic291cmNlIjp7ImVudHJ5X3RpdGxlIjoiU3VucmVlZiA4MCBTYWlsIDIwMjIgJDYsMjk5LDAwMCB1c2QgXHUwMGUwIHZlbmRyZSIsImVudHJ5X3BhZ2UiOjEsInNvdXJjZV9pZCI6MTQyMTU5LCJzb3VyY2VfdHlwZSI6InNpbmdsZSIsInJlcXVlc3RfdXJsIjoiaHR0cHM6Ly9pdGF5YWNodHNjYW5hZGEuY29tL2ZyL3dwLWpzb24vd3AvdjIvbGlzdGluZy8xNDIxNTkifSwidmVyc2lvbiI6MiwiY2lwaGVyIjoiYWVzLTI1Ni1nY20ifQ.64nSx8oNmHnGFHn17rDz-zOCizPsLIitvXvyQChkjK4' \/>\n\n<div style=\"\"  data-wp-interactive=\"jetpack\/form\" data-wp-context='{\"fieldId\":\"g142159-nom\",\"fieldType\":\"name\",\"fieldLabel\":\"Nom\",\"fieldValue\":\"\",\"fieldPlaceholder\":\"\",\"fieldIsRequired\":\"1\",\"fieldErrorMessage\":\"\",\"fieldExtra\":[],\"formHash\":\"e16806cecafb5389170ed88f6dc0c41edd6aadd6\"}'  class='grunion-field-name-wrap grunion-field-wrap'  data-wp-init='callbacks.initializeField' data-wp-on--jetpack-form-reset='callbacks.initializeField' >\n<label\n\t\t\t\tfor='g142159-nom' class=\"grunion-field-label name\" >Nom<span class=\"grunion-label-required\" aria-hidden=\"true\">(obligatoire)<\/span><\/label>\n<input\n\t\t\t\t\ttype='text'\n\t\t\t\t\tname='g142159-nom'\n\t\t\t\t\tid='g142159-nom'\n\t\t\t\t\tvalue=''\n\n\t\t\t\t\tdata-wp-bind--aria-invalid='state.fieldAriaInvalid'\n\t\t\t\t\tdata-wp-bind--value='state.getFieldValue'\n\t\t\t\t\taria-describedby='g142159-nom-text-error-message'\n\t\t\t\t\tdata-wp-on--input='actions.onFieldChange'\n\t\t\t\t\tdata-wp-on--blur='actions.onFieldBlur'\n\t\t\t\t\tdata-wp-class--has-value='state.hasFieldValue'\n\n\t\t\t\t\tclass='name  grunion-field' \n\t\t\t\t\trequired='true' aria-required='true'  \/>\n \n\t\t\t<div id=\"g142159-nom-text-error\" class=\"contact-form__input-error\" data-wp-class--has-errors=\"state.fieldHasErrors\">\n\t\t\t\t<span class=\"contact-form__warning-icon\" aria-hidden=\"true\">\n\t\t\t\t\t<svg width=\"16\" height=\"16\" viewBox=\"0 0 16 16\" fill=\"none\" xmlns=\"http:\/\/www.w3.org\/2000\/svg\">\n\t\t\t\t\t\t<path d=\"M8.50015 11.6402H7.50015V10.6402H8.50015V11.6402Z\" \/>\n\t\t\t\t\t\t<path d=\"M7.50015 9.64018H8.50015V6.30684H7.50015V9.64018Z\" \/>\n\t\t\t\t\t\t<path fill-rule=\"evenodd\" clip-rule=\"evenodd\" d=\"M6.98331 3.0947C7.42933 2.30177 8.57096 2.30177 9.01698 3.09469L13.8771 11.7349C14.3145 12.5126 13.7525 13.4735 12.8602 13.4735H3.14004C2.24774 13.4735 1.68575 12.5126 2.12321 11.7349L6.98331 3.0947ZM8.14541 3.58496C8.08169 3.47168 7.9186 3.47168 7.85488 3.58496L2.99478 12.2251C2.93229 12.3362 3.01257 12.4735 3.14004 12.4735H12.8602C12.9877 12.4735 13.068 12.3362 13.0055 12.2251L8.14541 3.58496Z\" \/>\n\t\t\t\t\t<\/svg>\n\t\t\t\t<\/span>\n\t\t\t\t<span data-wp-text=\"state.errorMessage\" id=\"g142159-nom-text-error-message\"><\/span>\n\t\t\t<\/div> \n\t<\/div>\n\n<div style=\"\"  data-wp-interactive=\"jetpack\/form\" data-wp-context='{\"fieldId\":\"g142159-email\",\"fieldType\":\"email\",\"fieldLabel\":\"E-mail\",\"fieldValue\":\"\",\"fieldPlaceholder\":\"\",\"fieldIsRequired\":\"1\",\"fieldErrorMessage\":\"\",\"fieldExtra\":[],\"formHash\":\"e16806cecafb5389170ed88f6dc0c41edd6aadd6\"}'  class='grunion-field-email-wrap grunion-field-wrap'  data-wp-init='callbacks.initializeField' data-wp-on--jetpack-form-reset='callbacks.initializeField' >\n<label\n\t\t\t\tfor='g142159-email' class=\"grunion-field-label email\" >E-mail<span class=\"grunion-label-required\" aria-hidden=\"true\">(obligatoire)<\/span><\/label>\n<input\n\t\t\t\t\ttype='email'\n\t\t\t\t\tname='g142159-email'\n\t\t\t\t\tid='g142159-email'\n\t\t\t\t\tvalue=''\n\n\t\t\t\t\tdata-wp-bind--aria-invalid='state.fieldAriaInvalid'\n\t\t\t\t\tdata-wp-bind--value='state.getFieldValue'\n\t\t\t\t\taria-describedby='g142159-email-email-error-message'\n\t\t\t\t\tdata-wp-on--input='actions.onFieldChange'\n\t\t\t\t\tdata-wp-on--blur='actions.onFieldBlur'\n\t\t\t\t\tdata-wp-class--has-value='state.hasFieldValue'\n\n\t\t\t\t\tclass='email  grunion-field' \n\t\t\t\t\trequired='true' aria-required='true'  \/>\n \n\t\t\t<div id=\"g142159-email-email-error\" class=\"contact-form__input-error\" data-wp-class--has-errors=\"state.fieldHasErrors\">\n\t\t\t\t<span class=\"contact-form__warning-icon\" aria-hidden=\"true\">\n\t\t\t\t\t<svg width=\"16\" height=\"16\" viewBox=\"0 0 16 16\" fill=\"none\" xmlns=\"http:\/\/www.w3.org\/2000\/svg\">\n\t\t\t\t\t\t<path d=\"M8.50015 11.6402H7.50015V10.6402H8.50015V11.6402Z\" \/>\n\t\t\t\t\t\t<path d=\"M7.50015 9.64018H8.50015V6.30684H7.50015V9.64018Z\" \/>\n\t\t\t\t\t\t<path fill-rule=\"evenodd\" clip-rule=\"evenodd\" d=\"M6.98331 3.0947C7.42933 2.30177 8.57096 2.30177 9.01698 3.09469L13.8771 11.7349C14.3145 12.5126 13.7525 13.4735 12.8602 13.4735H3.14004C2.24774 13.4735 1.68575 12.5126 2.12321 11.7349L6.98331 3.0947ZM8.14541 3.58496C8.08169 3.47168 7.9186 3.47168 7.85488 3.58496L2.99478 12.2251C2.93229 12.3362 3.01257 12.4735 3.14004 12.4735H12.8602C12.9877 12.4735 13.068 12.3362 13.0055 12.2251L8.14541 3.58496Z\" \/>\n\t\t\t\t\t<\/svg>\n\t\t\t\t<\/span>\n\t\t\t\t<span data-wp-text=\"state.errorMessage\" id=\"g142159-email-email-error-message\"><\/span>\n\t\t\t<\/div> \n\t<\/div>\n\n<div style=\"\"  data-wp-interactive=\"jetpack\/form\" data-wp-context='{\"fieldId\":\"g142159-ausujetdececatamaran\",\"fieldType\":\"text\",\"fieldLabel\":\"Au sujet de ce catamaran  : \",\"fieldValue\":\"\",\"fieldPlaceholder\":\"\",\"fieldIsRequired\":\"\",\"fieldErrorMessage\":\"\",\"fieldExtra\":[],\"formHash\":\"e16806cecafb5389170ed88f6dc0c41edd6aadd6\"}'  class='grunion-field-text-wrap grunion-field-wrap'  data-wp-init='callbacks.initializeField' data-wp-on--jetpack-form-reset='callbacks.initializeField' >\n<label\n\t\t\t\tfor='g142159-ausujetdececatamaran' class=\"grunion-field-label text\" >Au sujet de ce catamaran  : <\/label>\n<input\n\t\t\t\t\ttype='text'\n\t\t\t\t\tname='g142159-ausujetdececatamaran'\n\t\t\t\t\tid='g142159-ausujetdececatamaran'\n\t\t\t\t\tvalue=''\n\n\t\t\t\t\tdata-wp-bind--aria-invalid='state.fieldAriaInvalid'\n\t\t\t\t\tdata-wp-bind--value='state.getFieldValue'\n\t\t\t\t\taria-describedby='g142159-ausujetdececatamaran-text-error-message'\n\t\t\t\t\tdata-wp-on--input='actions.onFieldChange'\n\t\t\t\t\tdata-wp-on--blur='actions.onFieldBlur'\n\t\t\t\t\tdata-wp-class--has-value='state.hasFieldValue'\n\n\t\t\t\t\tclass='text  grunion-field' \n\t\t\t\t\t \/>\n \n\t\t\t<div id=\"g142159-ausujetdececatamaran-text-error\" class=\"contact-form__input-error\" data-wp-class--has-errors=\"state.fieldHasErrors\">\n\t\t\t\t<span class=\"contact-form__warning-icon\" aria-hidden=\"true\">\n\t\t\t\t\t<svg width=\"16\" height=\"16\" viewBox=\"0 0 16 16\" fill=\"none\" xmlns=\"http:\/\/www.w3.org\/2000\/svg\">\n\t\t\t\t\t\t<path d=\"M8.50015 11.6402H7.50015V10.6402H8.50015V11.6402Z\" \/>\n\t\t\t\t\t\t<path d=\"M7.50015 9.64018H8.50015V6.30684H7.50015V9.64018Z\" \/>\n\t\t\t\t\t\t<path fill-rule=\"evenodd\" clip-rule=\"evenodd\" d=\"M6.98331 3.0947C7.42933 2.30177 8.57096 2.30177 9.01698 3.09469L13.8771 11.7349C14.3145 12.5126 13.7525 13.4735 12.8602 13.4735H3.14004C2.24774 13.4735 1.68575 12.5126 2.12321 11.7349L6.98331 3.0947ZM8.14541 3.58496C8.08169 3.47168 7.9186 3.47168 7.85488 3.58496L2.99478 12.2251C2.93229 12.3362 3.01257 12.4735 3.14004 12.4735H12.8602C12.9877 12.4735 13.068 12.3362 13.0055 12.2251L8.14541 3.58496Z\" \/>\n\t\t\t\t\t<\/svg>\n\t\t\t\t<\/span>\n\t\t\t\t<span data-wp-text=\"state.errorMessage\" id=\"g142159-ausujetdececatamaran-text-error-message\"><\/span>\n\t\t\t<\/div> \n\t<\/div>\n\n<div style=\"\"  data-wp-interactive=\"jetpack\/form\" data-wp-context='{\"fieldId\":\"g142159-message\",\"fieldType\":\"textarea\",\"fieldLabel\":\"Message\",\"fieldValue\":\"\",\"fieldPlaceholder\":\"\",\"fieldIsRequired\":\"\",\"fieldErrorMessage\":\"\",\"fieldExtra\":[],\"formHash\":\"e16806cecafb5389170ed88f6dc0c41edd6aadd6\"}'  class='grunion-field-textarea-wrap grunion-field-wrap'  data-wp-init='callbacks.initializeField' data-wp-on--jetpack-form-reset='callbacks.initializeField' >\n<label\n\t\t\t\tfor='contact-form-comment-g142159-message' class=\"grunion-field-label textarea\" >Message<\/label>\n<textarea\n\t\t                style=''\n\t\t                name='g142159-message'\n\t\t                id='contact-form-comment-g142159-message'\n\t\t                rows='20'\n\t\t\t\t\t\tdata-wp-text='state.getFieldValue'\n\t\t\t\t\t\tdata-wp-on--input='actions.onFieldChange'\n\t\t\t\t\t\tdata-wp-on--blur='actions.onFieldBlur'\n\t\t\t\t\t\tdata-wp-class--has-value='state.hasFieldValue'\n\t\t\t\t\t\taria-describedby='g142159-message-textarea-error-message'\n\t\t\t\t\t\tdata-wp-bind--aria-invalid='state.fieldAriaInvalid'\n\t\t\t\t\t\tclass='textarea  grunion-field'  ><\/textarea>\n \n\t\t\t<div id=\"g142159-message-textarea-error\" class=\"contact-form__input-error\" data-wp-class--has-errors=\"state.fieldHasErrors\">\n\t\t\t\t<span class=\"contact-form__warning-icon\" aria-hidden=\"true\">\n\t\t\t\t\t<svg width=\"16\" height=\"16\" viewBox=\"0 0 16 16\" fill=\"none\" xmlns=\"http:\/\/www.w3.org\/2000\/svg\">\n\t\t\t\t\t\t<path d=\"M8.50015 11.6402H7.50015V10.6402H8.50015V11.6402Z\" \/>\n\t\t\t\t\t\t<path d=\"M7.50015 9.64018H8.50015V6.30684H7.50015V9.64018Z\" \/>\n\t\t\t\t\t\t<path fill-rule=\"evenodd\" clip-rule=\"evenodd\" d=\"M6.98331 3.0947C7.42933 2.30177 8.57096 2.30177 9.01698 3.09469L13.8771 11.7349C14.3145 12.5126 13.7525 13.4735 12.8602 13.4735H3.14004C2.24774 13.4735 1.68575 12.5126 2.12321 11.7349L6.98331 3.0947ZM8.14541 3.58496C8.08169 3.47168 7.9186 3.47168 7.85488 3.58496L2.99478 12.2251C2.93229 12.3362 3.01257 12.4735 3.14004 12.4735H12.8602C12.9877 12.4735 13.068 12.3362 13.0055 12.2251L8.14541 3.58496Z\" \/>\n\t\t\t\t\t<\/svg>\n\t\t\t\t<\/span>\n\t\t\t\t<span data-wp-text=\"state.errorMessage\" id=\"g142159-message-textarea-error-message\"><\/span>\n\t\t\t<\/div>\n\t<\/div>\n\t<p class='contact-submit'>\n<div class=\"contact-form__error\" data-wp-class--show-errors=\"state.showFormErrors\"><span class=\"contact-form__warning-icon\" aria-hidden=\"true\"><i><\/i><\/span><span class=\"contact-form__error-message\" tabindex=\"-1\" data-wp-watch=\"callbacks.focusOnValidationError\" data-wp-text=\"state.getFormErrorMessage\"><\/span><ul aria-label=\"Erreurs de formulaire\">\n\t\t\t\t<template data-wp-each=\"state.getErrorList\" data-wp-key=\"context.item.id\">\n\t\t\t\t\t<li><a data-wp-bind--href=\"context.item.anchor\" data-wp-on--click=\"actions.scrollIntoView\" data-wp-text=\"context.item.label\"><\/a><\/li>\n\t\t\t\t<\/template>\n\t\t\t\t<\/ul><\/div><div class=\"contact-form__error\" data-wp-class--show-errors=\"state.showSubmissionError\" data-wp-text=\"context.submissionError\" tabindex=\"-1\" data-wp-watch=\"callbacks.focusOnSubmissionError\"><\/div>\t\t<button type='submit' class='pushbutton-wide'>Envoyer<\/button>\t\t<input type='hidden' name='contact-form-id' value='142159' \/>\n\t\t<input type='hidden' name='action' value='grunion-contact-form' \/>\n\t\t<input type='hidden' name='contact-form-hash' value='e16806cecafb5389170ed88f6dc0c41edd6aadd6' \/>\n\t<\/p>\n<p style=\"display: none !important;\" class=\"akismet-fields-container\" data-prefix=\"ak_\"><label>&#916;<textarea name=\"ak_hp_textarea\" cols=\"45\" rows=\"8\" maxlength=\"100\"><\/textarea><\/label><input type=\"hidden\" id=\"ak_js_1\" name=\"ak_js\" value=\"63\"\/><script type=\"text\/javascript\">\n\/* <![CDATA[ *\/\ndocument.getElementById( \"ak_js_1\" ).setAttribute( \"value\", ( new Date() ).getTime() );\n\/* ]]> *\/\n<\/script>\n<\/p><\/form>\n<\/div>\n<p>&nbsp;<\/p>\n<\/div>\n<\/div>\n<\/div>\n<\/div>\n<\/div>\n","protected":false},"excerpt":{"rendered":"<p>OFF MARKET (pr\u00e9sentement retir\u00e9 de la vente) Sunreef 80 Sail 2022 $6,299,000 usd \u00e0 vendre Le Sunreef 80 le mieux \u00e9quip\u00e9 jamais construit. Il s&rsquo;agit de la deuxi\u00e8me nouvelle construction du propri\u00e9taire. Il a pass\u00e9 en revue tous les d\u00e9tails possibles. Pour vous donner un exemple, sur plus de 80 bateaux de la nouvelle ligne &hellip; <a href=\"https:\/\/itayachtscanada.com\/fr\/listing\/sunreef-80-sail-2022-8677777-usd-for-sale\/\" class=\"more-link\">Lire la suite <span class=\"screen-reader-text\">Sunreef 80 Sail 2022 $6,299,000 usd \u00e0 vendre<\/span> <span class=\"meta-nav\">&rarr;<\/span><\/a><\/p>\n","protected":false},"author":119081455,"featured_media":142164,"parent":0,"menu_order":0,"comment_status":"open","ping_status":"open","template":"","format":"standard","meta":{"_coblocks_attr":"","_coblocks_dimensions":"","_coblocks_responsive_height":"","_coblocks_accordion_ie_support":"","_lmt_disableupdate":"no","_lmt_disable":"no","advanced_seo_description":"","jetpack_seo_html_title":"","jetpack_seo_noindex":false,"footnotes":""},"manufacturer":[6433],"prix":[7263],"years":[6482],"length_feet":[6590],"boat_type":[6477],"price_range":[6583],"localisations":[6880],"numyacht":[9075,10218,10352,10469,10521,10637],"datevente":[10351,10468,10520,10636,10831,11096,11212,11320],"country":[10830],"states":[],"city":[10832],"fresh-water-boat":[10809],"broker":[10943],"migration":[10888],"class_list":["post-142159","listing","type-listing","status-publish","format-standard","has-post-thumbnail","hentry","manufacturer-sunreef","prix-7263","years-6482","length_feet-between-80-and-89-feets","boat_type-catamaran-voile","price_range-7000000-9999999","localisations-caraibes","numyacht-9075","numyacht-10218","numyacht-10352","numyacht-10469","numyacht-10521","numyacht-10637","datevente-2025-04-30","datevente-2025-06-23","datevente-2025-07-17","datevente-2025-09-12","datevente-2025-11-08","datevente-2026-01-05","datevente-2026-03-05","datevente-2026-04-30","country-british-virgin-islands-bvi","city-st-thomas","fresh-water-boat-non","broker-denison","migration-non"],"translation":{"provider":"WPGlobus","version":"2.12.2","language":"fr","enabled_languages":["en","fr"],"languages":{"en":{"title":true,"content":true,"excerpt":false},"fr":{"title":true,"content":true,"excerpt":false}}},"jetpack_likes_enabled":true,"jetpack_sharing_enabled":true,"_links":{"self":[{"href":"https:\/\/itayachtscanada.com\/fr\/wp-json\/wp\/v2\/listing\/142159","targetHints":{"allow":["GET"]}}],"collection":[{"href":"https:\/\/itayachtscanada.com\/fr\/wp-json\/wp\/v2\/listing"}],"about":[{"href":"https:\/\/itayachtscanada.com\/fr\/wp-json\/wp\/v2\/types\/listing"}],"author":[{"embeddable":true,"href":"https:\/\/itayachtscanada.com\/fr\/wp-json\/wp\/v2\/users\/119081455"}],"replies":[{"embeddable":true,"href":"https:\/\/itayachtscanada.com\/fr\/wp-json\/wp\/v2\/comments?post=142159"}],"version-history":[{"count":37,"href":"https:\/\/itayachtscanada.com\/fr\/wp-json\/wp\/v2\/listing\/142159\/revisions"}],"predecessor-version":[{"id":300099,"href":"https:\/\/itayachtscanada.com\/fr\/wp-json\/wp\/v2\/listing\/142159\/revisions\/300099"}],"wp:featuredmedia":[{"embeddable":true,"href":"https:\/\/itayachtscanada.com\/fr\/wp-json\/wp\/v2\/media\/142164"}],"wp:attachment":[{"href":"https:\/\/itayachtscanada.com\/fr\/wp-json\/wp\/v2\/media?parent=142159"}],"wp:term":[{"taxonomy":"manufacturer","embeddable":true,"href":"https:\/\/itayachtscanada.com\/fr\/wp-json\/wp\/v2\/manufacturer?post=142159"},{"taxonomy":"prix","embeddable":true,"href":"https:\/\/itayachtscanada.com\/fr\/wp-json\/wp\/v2\/prix?post=142159"},{"taxonomy":"years","embeddable":true,"href":"https:\/\/itayachtscanada.com\/fr\/wp-json\/wp\/v2\/years?post=142159"},{"taxonomy":"length_feet","embeddable":true,"href":"https:\/\/itayachtscanada.com\/fr\/wp-json\/wp\/v2\/length_feet?post=142159"},{"taxonomy":"boat_type","embeddable":true,"href":"https:\/\/itayachtscanada.com\/fr\/wp-json\/wp\/v2\/boat_type?post=142159"},{"taxonomy":"price_range","embeddable":true,"href":"https:\/\/itayachtscanada.com\/fr\/wp-json\/wp\/v2\/price_range?post=142159"},{"taxonomy":"localisations","embeddable":true,"href":"https:\/\/itayachtscanada.com\/fr\/wp-json\/wp\/v2\/localisations?post=142159"},{"taxonomy":"numyacht","embeddable":true,"href":"https:\/\/itayachtscanada.com\/fr\/wp-json\/wp\/v2\/numyacht?post=142159"},{"taxonomy":"datevente","embeddable":true,"href":"https:\/\/itayachtscanada.com\/fr\/wp-json\/wp\/v2\/datevente?post=142159"},{"taxonomy":"country","embeddable":true,"href":"https:\/\/itayachtscanada.com\/fr\/wp-json\/wp\/v2\/country?post=142159"},{"taxonomy":"states","embeddable":true,"href":"https:\/\/itayachtscanada.com\/fr\/wp-json\/wp\/v2\/states?post=142159"},{"taxonomy":"city","embeddable":true,"href":"https:\/\/itayachtscanada.com\/fr\/wp-json\/wp\/v2\/city?post=142159"},{"taxonomy":"fresh-water-boat","embeddable":true,"href":"https:\/\/itayachtscanada.com\/fr\/wp-json\/wp\/v2\/fresh-water-boat?post=142159"},{"taxonomy":"broker","embeddable":true,"href":"https:\/\/itayachtscanada.com\/fr\/wp-json\/wp\/v2\/broker?post=142159"},{"taxonomy":"migration","embeddable":true,"href":"https:\/\/itayachtscanada.com\/fr\/wp-json\/wp\/v2\/migration?post=142159"}],"curies":[{"name":"wp","href":"https:\/\/api.w.org\/{rel}","templated":true}]}}