{"id":141460,"date":"2023-11-15T16:07:05","date_gmt":"2023-11-15T21:07:05","guid":{"rendered":"https:\/\/itayachtscanada.com\/?post_type=listing&#038;p=141460"},"modified":"2026-04-18T10:48:43","modified_gmt":"2026-04-18T14:48:43","slug":"sunreef-60-sail-2020-3900000-usd-for-sale","status":"publish","type":"listing","link":"https:\/\/itayachtscanada.com\/fr\/listing\/sunreef-60-sail-2020-3900000-usd-for-sale\/","title":{"rendered":"Sunreef 60 Sail 2020 $2,495,000 usd ou en mode fractionn\u00e9 1\/6 \u00e0 $600,000 usd \u00e0 vendre     ."},"content":{"rendered":"<p><strong>Sunreef 60 Sail 2020 $2,495,000 usd ou en mode fractionnel 1\/6 $499,990 usd \u00e0 vendre<\/strong><\/p>\n<p>RELENTLESS est la raison pour laquelle les Sunreef 60 g\u00e9n\u00e8rent maintenant plus de 50 000 $ par semaine. Il a 15 semaines r\u00e9serv\u00e9es pour la saison hiver\/printemps, ce qui signifie qu&rsquo;il fournit un revenu net positif \u00e0 son nouveau propri\u00e9taire.<\/p>\n<p>Relentless est un catamaran \u00e0 voile de luxe qui peut accueillir 8 personnes dans une suite principale avec une grande douche \u00e0 l&rsquo;italienne, ainsi que 3 cabines spacieuses, toutes \u00e9quip\u00e9es de douches en cabine. Les cabines sont modernes, avec des planchers en bois clair et un mobilier luxueux. Toutes les cabines sont \u00e9quip\u00e9es d&rsquo;une t\u00e9l\u00e9vision et d&rsquo;un syst\u00e8me Bluetooth Yamaha, avec des haut-parleurs JL dans toutes les pi\u00e8ces.<\/p>\n<p>Le salon principal est lumineux et spacieux, avec de grandes fen\u00eatres enveloppantes qui apportent beaucoup de lumi\u00e8re naturelle. Un grand coin salon avec canap\u00e9 et table offre un espace pour se d\u00e9tendre avec une t\u00e9l\u00e9vision pop-up de 55 pouces.<\/p>\n<p>Le pont arri\u00e8re dispose d&rsquo;une belle salle \u00e0 manger o\u00f9 vous pourrez savourer vos repas tout en admirant la vue magnifique. Le vaste flybridge dispose de nombreux si\u00e8ges confortables et d&rsquo;un bar. Cet espace offre une vue \u00e0 360\u00b0 \u00e0 appr\u00e9cier avec un cocktail \u00e0 la main ou, si vous pr\u00e9f\u00e9rez, vous d\u00e9tendre sur l&rsquo;une des nombreuses chaises longues avec un livre. Le pont avant est \u00e9quip\u00e9 de si\u00e8ges en contrebas et de grands bains de soleil sur lesquels on peut se pr\u00e9lasser en navigation ou au mouillage.<\/p>\n<p>Son \u00e9quipage est de premier ordre, ce qui en fait le Sunreef 60 le mieux not\u00e9 au monde.<\/p>\n<h3>Ce Sunreef 60 catamaran \u00e0 voile est situ\u00e9 au British Virgin Islands, veuillez nous contacter au 514-521-1221 pour tous les d\u00e9tails concernant ce Sunreef Yachts 60 Sail, notre bureau est situ\u00e9 en banlieue de Montr\u00e9al.<\/h3>\n<p>DIMENSIONS :<\/p>\n<p>Ann\u00e9e : 2020<\/p>\n<p>Type de coque : Catamaran<\/p>\n<p>Longueur (LOA) : 60&prime; \/ 18.29 m<\/p>\n<p>Largeur (Beam) : 33&prime; 6&Prime; \/ 10.2108 m<\/p>\n<p>D\u00e9placement : 39 000 kg<\/p>\n<p>Tirant d&rsquo;eau (profondeur) : 5&prime; 9&Prime; \/ 1.7526 m<\/p>\n<p>&nbsp;<\/p>\n<p>R\u00c9SERVOIRS :<\/p>\n<p>R\u00e9servoir de carburant : 1750 litres<\/p>\n<p>Capacit\u00e9 en eau : 264 gal \/ 1 000 L<\/p>\n<p>&nbsp;<\/p>\n<p>MOTEURS :<\/p>\n<p>Marque du moteur : Volvo Penta<\/p>\n<p>Taille du moteur (standard) : 2 x 150 hp \/ 111 kW<\/p>\n<p>Nombre de moteurs : 2<\/p>\n<p>Vitesse de croisi\u00e8re : 8 kts<\/p>\n<p>Vitesse maximale : 12 kts<\/p>\n<p>&nbsp;<\/p>\n<p>H\u00c9BERGEMENT:<\/p>\n<p>Cabines doubles : 4<\/p>\n<p>Nombre maximum de personnes : 8<\/p>\n<p>Couchages : 8<\/p>\n<p>Toilettes : 4<\/p>\n<p>\u00c9quipage : 3<\/p>\n<p>Climatisation : Oui<\/p>\n<p>G\u00e9n\u00e9rateur : Oui<\/p>\n<p>R\u00e9frig\u00e9ration (s): Oui<\/p>\n<p>Cong\u00e9lateur : Oui<\/p>\n<p>&nbsp;<\/p>\n<div class=\"tiled-gallery type-rectangular tiled-gallery-unresized\" data-original-width=\"700\" data-carousel-extra='{&quot;blog_id&quot;:1,&quot;permalink&quot;:&quot;https:\\\/\\\/itayachtscanada.com\\\/fr\\\/listing\\\/sunreef-60-sail-2020-3900000-usd-for-sale\\\/&quot;,&quot;likes_blog_id&quot;:198557287}' itemscope itemtype=\"http:\/\/schema.org\/ImageGallery\" > <div class=\"gallery-row\" style=\"width: 700px; height: 312px;\" data-original-width=\"700\" data-original-height=\"312\" > <div class=\"gallery-group images-1\" style=\"width: 465px; height: 312px;\" data-original-width=\"465\" data-original-height=\"312\" > <div class=\"tiled-gallery-item tiled-gallery-item-large\" itemprop=\"associatedMedia\" itemscope itemtype=\"http:\/\/schema.org\/ImageObject\"> <a href=\"https:\/\/itayachtscanada.com\/fr\/listing\/sunreef-60-sail-2020-3900000-usd-for-sale\/capture-decran-le-2023-11-15-a-15-00-21\/\" border=\"0\" itemprop=\"url\"> <meta itemprop=\"width\" content=\"461\"> <meta itemprop=\"height\" content=\"308\"> <img decoding=\"async\" class=\"\" data-attachment-id=\"141466\" data-orig-file=\"https:\/\/itayachtscanada.com\/wp-content\/uploads\/2023\/11\/Capture-decran-le-2023-11-15-a-15.00.21.png\" data-orig-size=\"1854,1236\" data-comments-opened=\"1\" data-image-meta=\"{&quot;aperture&quot;:&quot;0&quot;,&quot;credit&quot;:&quot;&quot;,&quot;camera&quot;:&quot;&quot;,&quot;caption&quot;:&quot;&quot;,&quot;created_timestamp&quot;:&quot;0&quot;,&quot;copyright&quot;:&quot;&quot;,&quot;focal_length&quot;:&quot;0&quot;,&quot;iso&quot;:&quot;0&quot;,&quot;shutter_speed&quot;:&quot;0&quot;,&quot;title&quot;:&quot;&quot;,&quot;orientation&quot;:&quot;0&quot;}\" data-image-title=\"Capture d\u2019\u00e9cran, le 2023-11-15 \u00e0 15.00.21\" data-image-description=\"\" data-medium-file=\"https:\/\/i0.wp.com\/itayachtscanada.com\/wp-content\/uploads\/2023\/11\/Capture-decran-le-2023-11-15-a-15.00.21.png?fit=300%2C200&#038;ssl=1\" data-large-file=\"https:\/\/i0.wp.com\/itayachtscanada.com\/wp-content\/uploads\/2023\/11\/Capture-decran-le-2023-11-15-a-15.00.21.png?fit=700%2C467&#038;ssl=1\" src=\"https:\/\/i0.wp.com\/itayachtscanada.com\/wp-content\/uploads\/2023\/11\/Capture-decran-le-2023-11-15-a-15.00.21.png?w=461&#038;h=308&#038;ssl=1\" srcset=\"https:\/\/i0.wp.com\/itayachtscanada.com\/wp-content\/uploads\/2023\/11\/Capture-decran-le-2023-11-15-a-15.00.21.png?w=1854&amp;ssl=1 1854w, https:\/\/i0.wp.com\/itayachtscanada.com\/wp-content\/uploads\/2023\/11\/Capture-decran-le-2023-11-15-a-15.00.21.png?resize=300%2C200&amp;ssl=1 300w, https:\/\/i0.wp.com\/itayachtscanada.com\/wp-content\/uploads\/2023\/11\/Capture-decran-le-2023-11-15-a-15.00.21.png?resize=1024%2C683&amp;ssl=1 1024w, https:\/\/i0.wp.com\/itayachtscanada.com\/wp-content\/uploads\/2023\/11\/Capture-decran-le-2023-11-15-a-15.00.21.png?resize=768%2C512&amp;ssl=1 768w, https:\/\/i0.wp.com\/itayachtscanada.com\/wp-content\/uploads\/2023\/11\/Capture-decran-le-2023-11-15-a-15.00.21.png?resize=1536%2C1024&amp;ssl=1 1536w, https:\/\/i0.wp.com\/itayachtscanada.com\/wp-content\/uploads\/2023\/11\/Capture-decran-le-2023-11-15-a-15.00.21.png?resize=1200%2C800&amp;ssl=1 1200w, https:\/\/i0.wp.com\/itayachtscanada.com\/wp-content\/uploads\/2023\/11\/Capture-decran-le-2023-11-15-a-15.00.21.png?resize=700%2C467&amp;ssl=1 700w, https:\/\/i0.wp.com\/itayachtscanada.com\/wp-content\/uploads\/2023\/11\/Capture-decran-le-2023-11-15-a-15.00.21.png?resize=900%2C600&amp;ssl=1 900w, https:\/\/i0.wp.com\/itayachtscanada.com\/wp-content\/uploads\/2023\/11\/Capture-decran-le-2023-11-15-a-15.00.21.png?resize=600%2C400&amp;ssl=1 600w, https:\/\/i0.wp.com\/itayachtscanada.com\/wp-content\/uploads\/2023\/11\/Capture-decran-le-2023-11-15-a-15.00.21.png?w=1400&amp;ssl=1 1400w\" width=\"461\" height=\"308\" loading=\"lazy\" data-original-width=\"461\" data-original-height=\"308\" itemprop=\"http:\/\/schema.org\/image\" title=\"Capture d\u2019\u00e9cran, le 2023-11-15 \u00e0 15.00.21\" alt=\"Capture d\u2019\u00e9cran, le 2023-11-15 \u00e0 15.00.21\" style=\"width: 461px; height: 308px;\" \/> <\/a> <\/div> <\/div> <!-- close group --> <div class=\"gallery-group images-2\" style=\"width: 235px; height: 312px;\" data-original-width=\"235\" data-original-height=\"312\" > <div class=\"tiled-gallery-item tiled-gallery-item-small\" itemprop=\"associatedMedia\" itemscope itemtype=\"http:\/\/schema.org\/ImageObject\"> <a href=\"https:\/\/itayachtscanada.com\/fr\/listing\/sunreef-60-sail-2020-3900000-usd-for-sale\/capture-decran-le-2023-11-15-a-15-00-09\/\" border=\"0\" itemprop=\"url\"> <meta itemprop=\"width\" content=\"231\"> <meta itemprop=\"height\" content=\"154\"> <img decoding=\"async\" class=\"\" data-attachment-id=\"141467\" data-orig-file=\"https:\/\/itayachtscanada.com\/wp-content\/uploads\/2023\/11\/Capture-decran-le-2023-11-15-a-15.00.09.png\" data-orig-size=\"1854,1236\" data-comments-opened=\"1\" data-image-meta=\"{&quot;aperture&quot;:&quot;0&quot;,&quot;credit&quot;:&quot;&quot;,&quot;camera&quot;:&quot;&quot;,&quot;caption&quot;:&quot;&quot;,&quot;created_timestamp&quot;:&quot;0&quot;,&quot;copyright&quot;:&quot;&quot;,&quot;focal_length&quot;:&quot;0&quot;,&quot;iso&quot;:&quot;0&quot;,&quot;shutter_speed&quot;:&quot;0&quot;,&quot;title&quot;:&quot;&quot;,&quot;orientation&quot;:&quot;0&quot;}\" data-image-title=\"Capture d\u2019\u00e9cran, le 2023-11-15 \u00e0 15.00.09\" data-image-description=\"\" data-medium-file=\"https:\/\/i0.wp.com\/itayachtscanada.com\/wp-content\/uploads\/2023\/11\/Capture-decran-le-2023-11-15-a-15.00.09.png?fit=300%2C200&#038;ssl=1\" data-large-file=\"https:\/\/i0.wp.com\/itayachtscanada.com\/wp-content\/uploads\/2023\/11\/Capture-decran-le-2023-11-15-a-15.00.09.png?fit=700%2C467&#038;ssl=1\" src=\"https:\/\/i0.wp.com\/itayachtscanada.com\/wp-content\/uploads\/2023\/11\/Capture-decran-le-2023-11-15-a-15.00.09.png?w=231&#038;h=154&#038;ssl=1\" srcset=\"https:\/\/i0.wp.com\/itayachtscanada.com\/wp-content\/uploads\/2023\/11\/Capture-decran-le-2023-11-15-a-15.00.09.png?w=1854&amp;ssl=1 1854w, https:\/\/i0.wp.com\/itayachtscanada.com\/wp-content\/uploads\/2023\/11\/Capture-decran-le-2023-11-15-a-15.00.09.png?resize=300%2C200&amp;ssl=1 300w, https:\/\/i0.wp.com\/itayachtscanada.com\/wp-content\/uploads\/2023\/11\/Capture-decran-le-2023-11-15-a-15.00.09.png?resize=1024%2C683&amp;ssl=1 1024w, https:\/\/i0.wp.com\/itayachtscanada.com\/wp-content\/uploads\/2023\/11\/Capture-decran-le-2023-11-15-a-15.00.09.png?resize=768%2C512&amp;ssl=1 768w, https:\/\/i0.wp.com\/itayachtscanada.com\/wp-content\/uploads\/2023\/11\/Capture-decran-le-2023-11-15-a-15.00.09.png?resize=1536%2C1024&amp;ssl=1 1536w, https:\/\/i0.wp.com\/itayachtscanada.com\/wp-content\/uploads\/2023\/11\/Capture-decran-le-2023-11-15-a-15.00.09.png?resize=1200%2C800&amp;ssl=1 1200w, https:\/\/i0.wp.com\/itayachtscanada.com\/wp-content\/uploads\/2023\/11\/Capture-decran-le-2023-11-15-a-15.00.09.png?resize=700%2C467&amp;ssl=1 700w, https:\/\/i0.wp.com\/itayachtscanada.com\/wp-content\/uploads\/2023\/11\/Capture-decran-le-2023-11-15-a-15.00.09.png?resize=900%2C600&amp;ssl=1 900w, https:\/\/i0.wp.com\/itayachtscanada.com\/wp-content\/uploads\/2023\/11\/Capture-decran-le-2023-11-15-a-15.00.09.png?resize=600%2C400&amp;ssl=1 600w, https:\/\/i0.wp.com\/itayachtscanada.com\/wp-content\/uploads\/2023\/11\/Capture-decran-le-2023-11-15-a-15.00.09.png?w=1400&amp;ssl=1 1400w\" width=\"231\" height=\"154\" loading=\"lazy\" data-original-width=\"231\" data-original-height=\"154\" itemprop=\"http:\/\/schema.org\/image\" title=\"Capture d\u2019\u00e9cran, le 2023-11-15 \u00e0 15.00.09\" alt=\"Capture d\u2019\u00e9cran, le 2023-11-15 \u00e0 15.00.09\" style=\"width: 231px; height: 154px;\" \/> <\/a> <\/div> <div class=\"tiled-gallery-item tiled-gallery-item-small\" itemprop=\"associatedMedia\" itemscope itemtype=\"http:\/\/schema.org\/ImageObject\"> <a href=\"https:\/\/itayachtscanada.com\/fr\/listing\/sunreef-60-sail-2020-3900000-usd-for-sale\/capture-decran-le-2023-11-15-a-15-00-56\/\" border=\"0\" itemprop=\"url\"> <meta itemprop=\"width\" content=\"231\"> <meta itemprop=\"height\" content=\"150\"> <img decoding=\"async\" class=\"\" data-attachment-id=\"141464\" data-orig-file=\"https:\/\/itayachtscanada.com\/wp-content\/uploads\/2023\/11\/Capture-decran-le-2023-11-15-a-15.00.56.png\" data-orig-size=\"1902,1236\" data-comments-opened=\"1\" data-image-meta=\"{&quot;aperture&quot;:&quot;0&quot;,&quot;credit&quot;:&quot;&quot;,&quot;camera&quot;:&quot;&quot;,&quot;caption&quot;:&quot;&quot;,&quot;created_timestamp&quot;:&quot;0&quot;,&quot;copyright&quot;:&quot;&quot;,&quot;focal_length&quot;:&quot;0&quot;,&quot;iso&quot;:&quot;0&quot;,&quot;shutter_speed&quot;:&quot;0&quot;,&quot;title&quot;:&quot;&quot;,&quot;orientation&quot;:&quot;0&quot;}\" data-image-title=\"Capture d\u2019\u00e9cran, le 2023-11-15 \u00e0 15.00.56\" data-image-description=\"\" data-medium-file=\"https:\/\/i0.wp.com\/itayachtscanada.com\/wp-content\/uploads\/2023\/11\/Capture-decran-le-2023-11-15-a-15.00.56.png?fit=300%2C195&#038;ssl=1\" data-large-file=\"https:\/\/i0.wp.com\/itayachtscanada.com\/wp-content\/uploads\/2023\/11\/Capture-decran-le-2023-11-15-a-15.00.56.png?fit=700%2C455&#038;ssl=1\" src=\"https:\/\/i0.wp.com\/itayachtscanada.com\/wp-content\/uploads\/2023\/11\/Capture-decran-le-2023-11-15-a-15.00.56.png?w=231&#038;h=150&#038;ssl=1\" srcset=\"https:\/\/i0.wp.com\/itayachtscanada.com\/wp-content\/uploads\/2023\/11\/Capture-decran-le-2023-11-15-a-15.00.56.png?w=1902&amp;ssl=1 1902w, https:\/\/i0.wp.com\/itayachtscanada.com\/wp-content\/uploads\/2023\/11\/Capture-decran-le-2023-11-15-a-15.00.56.png?resize=300%2C195&amp;ssl=1 300w, https:\/\/i0.wp.com\/itayachtscanada.com\/wp-content\/uploads\/2023\/11\/Capture-decran-le-2023-11-15-a-15.00.56.png?resize=1024%2C665&amp;ssl=1 1024w, https:\/\/i0.wp.com\/itayachtscanada.com\/wp-content\/uploads\/2023\/11\/Capture-decran-le-2023-11-15-a-15.00.56.png?resize=768%2C499&amp;ssl=1 768w, https:\/\/i0.wp.com\/itayachtscanada.com\/wp-content\/uploads\/2023\/11\/Capture-decran-le-2023-11-15-a-15.00.56.png?resize=1536%2C998&amp;ssl=1 1536w, https:\/\/i0.wp.com\/itayachtscanada.com\/wp-content\/uploads\/2023\/11\/Capture-decran-le-2023-11-15-a-15.00.56.png?resize=1200%2C780&amp;ssl=1 1200w, https:\/\/i0.wp.com\/itayachtscanada.com\/wp-content\/uploads\/2023\/11\/Capture-decran-le-2023-11-15-a-15.00.56.png?resize=700%2C455&amp;ssl=1 700w, https:\/\/i0.wp.com\/itayachtscanada.com\/wp-content\/uploads\/2023\/11\/Capture-decran-le-2023-11-15-a-15.00.56.png?resize=616%2C400&amp;ssl=1 616w, https:\/\/i0.wp.com\/itayachtscanada.com\/wp-content\/uploads\/2023\/11\/Capture-decran-le-2023-11-15-a-15.00.56.png?w=1400&amp;ssl=1 1400w\" width=\"231\" height=\"150\" loading=\"lazy\" data-original-width=\"231\" data-original-height=\"150\" itemprop=\"http:\/\/schema.org\/image\" title=\"Capture d\u2019\u00e9cran, le 2023-11-15 \u00e0 15.00.56\" alt=\"Capture d\u2019\u00e9cran, le 2023-11-15 \u00e0 15.00.56\" style=\"width: 231px; height: 150px;\" \/> <\/a> <\/div> <\/div> <!-- close group --> <\/div> <!-- close row --> <div class=\"gallery-row\" style=\"width: 700px; height: 422px;\" data-original-width=\"700\" data-original-height=\"422\" > <div class=\"gallery-group images-3\" style=\"width: 208px; height: 422px;\" data-original-width=\"208\" data-original-height=\"422\" > <div class=\"tiled-gallery-item tiled-gallery-item-small\" itemprop=\"associatedMedia\" itemscope itemtype=\"http:\/\/schema.org\/ImageObject\"> <a href=\"https:\/\/itayachtscanada.com\/fr\/listing\/sunreef-60-sail-2020-3900000-usd-for-sale\/capture-decran-le-2023-11-15-a-14-34-39\/\" border=\"0\" itemprop=\"url\"> <meta itemprop=\"width\" content=\"204\"> <meta itemprop=\"height\" content=\"137\"> <img decoding=\"async\" class=\"\" data-attachment-id=\"141526\" data-orig-file=\"https:\/\/itayachtscanada.com\/wp-content\/uploads\/2023\/11\/Capture-decran-le-2023-11-15-a-14.34.39.png\" data-orig-size=\"1658,1112\" data-comments-opened=\"1\" data-image-meta=\"{&quot;aperture&quot;:&quot;0&quot;,&quot;credit&quot;:&quot;&quot;,&quot;camera&quot;:&quot;&quot;,&quot;caption&quot;:&quot;&quot;,&quot;created_timestamp&quot;:&quot;0&quot;,&quot;copyright&quot;:&quot;&quot;,&quot;focal_length&quot;:&quot;0&quot;,&quot;iso&quot;:&quot;0&quot;,&quot;shutter_speed&quot;:&quot;0&quot;,&quot;title&quot;:&quot;&quot;,&quot;orientation&quot;:&quot;0&quot;}\" data-image-title=\"Capture d\u2019\u00e9cran, le 2023-11-15 \u00e0 14.34.39\" data-image-description=\"\" data-medium-file=\"https:\/\/i0.wp.com\/itayachtscanada.com\/wp-content\/uploads\/2023\/11\/Capture-decran-le-2023-11-15-a-14.34.39.png?fit=300%2C201&#038;ssl=1\" data-large-file=\"https:\/\/i0.wp.com\/itayachtscanada.com\/wp-content\/uploads\/2023\/11\/Capture-decran-le-2023-11-15-a-14.34.39.png?fit=700%2C470&#038;ssl=1\" src=\"https:\/\/i0.wp.com\/itayachtscanada.com\/wp-content\/uploads\/2023\/11\/Capture-decran-le-2023-11-15-a-14.34.39.png?w=204&#038;h=137&#038;ssl=1\" srcset=\"https:\/\/i0.wp.com\/itayachtscanada.com\/wp-content\/uploads\/2023\/11\/Capture-decran-le-2023-11-15-a-14.34.39.png?w=1658&amp;ssl=1 1658w, https:\/\/i0.wp.com\/itayachtscanada.com\/wp-content\/uploads\/2023\/11\/Capture-decran-le-2023-11-15-a-14.34.39.png?resize=300%2C201&amp;ssl=1 300w, https:\/\/i0.wp.com\/itayachtscanada.com\/wp-content\/uploads\/2023\/11\/Capture-decran-le-2023-11-15-a-14.34.39.png?resize=1024%2C687&amp;ssl=1 1024w, https:\/\/i0.wp.com\/itayachtscanada.com\/wp-content\/uploads\/2023\/11\/Capture-decran-le-2023-11-15-a-14.34.39.png?resize=768%2C515&amp;ssl=1 768w, https:\/\/i0.wp.com\/itayachtscanada.com\/wp-content\/uploads\/2023\/11\/Capture-decran-le-2023-11-15-a-14.34.39.png?resize=1536%2C1030&amp;ssl=1 1536w, https:\/\/i0.wp.com\/itayachtscanada.com\/wp-content\/uploads\/2023\/11\/Capture-decran-le-2023-11-15-a-14.34.39.png?resize=1200%2C805&amp;ssl=1 1200w, https:\/\/i0.wp.com\/itayachtscanada.com\/wp-content\/uploads\/2023\/11\/Capture-decran-le-2023-11-15-a-14.34.39.png?resize=700%2C469&amp;ssl=1 700w, https:\/\/i0.wp.com\/itayachtscanada.com\/wp-content\/uploads\/2023\/11\/Capture-decran-le-2023-11-15-a-14.34.39.png?resize=900%2C600&amp;ssl=1 900w, https:\/\/i0.wp.com\/itayachtscanada.com\/wp-content\/uploads\/2023\/11\/Capture-decran-le-2023-11-15-a-14.34.39.png?resize=596%2C400&amp;ssl=1 596w, https:\/\/i0.wp.com\/itayachtscanada.com\/wp-content\/uploads\/2023\/11\/Capture-decran-le-2023-11-15-a-14.34.39.png?w=1400&amp;ssl=1 1400w\" width=\"204\" height=\"137\" loading=\"lazy\" data-original-width=\"204\" data-original-height=\"137\" itemprop=\"http:\/\/schema.org\/image\" title=\"Capture d\u2019\u00e9cran, le 2023-11-15 \u00e0 14.34.39\" alt=\"Capture d\u2019\u00e9cran, le 2023-11-15 \u00e0 14.34.39\" style=\"width: 204px; height: 137px;\" \/> <\/a> <\/div> <div class=\"tiled-gallery-item tiled-gallery-item-small\" itemprop=\"associatedMedia\" itemscope itemtype=\"http:\/\/schema.org\/ImageObject\"> <a href=\"https:\/\/itayachtscanada.com\/fr\/listing\/sunreef-60-sail-2020-3900000-usd-for-sale\/capture-decran-le-2023-11-15-a-14-47-57\/\" border=\"0\" itemprop=\"url\"> <meta itemprop=\"width\" content=\"204\"> <meta itemprop=\"height\" content=\"136\"> <img decoding=\"async\" class=\"\" data-attachment-id=\"141511\" data-orig-file=\"https:\/\/itayachtscanada.com\/wp-content\/uploads\/2023\/11\/Capture-decran-le-2023-11-15-a-14.47.57.png\" data-orig-size=\"1718,1150\" data-comments-opened=\"1\" data-image-meta=\"{&quot;aperture&quot;:&quot;0&quot;,&quot;credit&quot;:&quot;&quot;,&quot;camera&quot;:&quot;&quot;,&quot;caption&quot;:&quot;&quot;,&quot;created_timestamp&quot;:&quot;0&quot;,&quot;copyright&quot;:&quot;&quot;,&quot;focal_length&quot;:&quot;0&quot;,&quot;iso&quot;:&quot;0&quot;,&quot;shutter_speed&quot;:&quot;0&quot;,&quot;title&quot;:&quot;&quot;,&quot;orientation&quot;:&quot;0&quot;}\" data-image-title=\"Capture d\u2019\u00e9cran, le 2023-11-15 \u00e0 14.47.57\" data-image-description=\"\" data-medium-file=\"https:\/\/i0.wp.com\/itayachtscanada.com\/wp-content\/uploads\/2023\/11\/Capture-decran-le-2023-11-15-a-14.47.57.png?fit=300%2C201&#038;ssl=1\" data-large-file=\"https:\/\/i0.wp.com\/itayachtscanada.com\/wp-content\/uploads\/2023\/11\/Capture-decran-le-2023-11-15-a-14.47.57.png?fit=700%2C468&#038;ssl=1\" src=\"https:\/\/i0.wp.com\/itayachtscanada.com\/wp-content\/uploads\/2023\/11\/Capture-decran-le-2023-11-15-a-14.47.57.png?w=204&#038;h=136&#038;ssl=1\" srcset=\"https:\/\/i0.wp.com\/itayachtscanada.com\/wp-content\/uploads\/2023\/11\/Capture-decran-le-2023-11-15-a-14.47.57.png?w=1718&amp;ssl=1 1718w, https:\/\/i0.wp.com\/itayachtscanada.com\/wp-content\/uploads\/2023\/11\/Capture-decran-le-2023-11-15-a-14.47.57.png?resize=300%2C201&amp;ssl=1 300w, https:\/\/i0.wp.com\/itayachtscanada.com\/wp-content\/uploads\/2023\/11\/Capture-decran-le-2023-11-15-a-14.47.57.png?resize=1024%2C685&amp;ssl=1 1024w, https:\/\/i0.wp.com\/itayachtscanada.com\/wp-content\/uploads\/2023\/11\/Capture-decran-le-2023-11-15-a-14.47.57.png?resize=768%2C514&amp;ssl=1 768w, https:\/\/i0.wp.com\/itayachtscanada.com\/wp-content\/uploads\/2023\/11\/Capture-decran-le-2023-11-15-a-14.47.57.png?resize=1536%2C1028&amp;ssl=1 1536w, https:\/\/i0.wp.com\/itayachtscanada.com\/wp-content\/uploads\/2023\/11\/Capture-decran-le-2023-11-15-a-14.47.57.png?resize=1200%2C803&amp;ssl=1 1200w, https:\/\/i0.wp.com\/itayachtscanada.com\/wp-content\/uploads\/2023\/11\/Capture-decran-le-2023-11-15-a-14.47.57.png?resize=700%2C469&amp;ssl=1 700w, https:\/\/i0.wp.com\/itayachtscanada.com\/wp-content\/uploads\/2023\/11\/Capture-decran-le-2023-11-15-a-14.47.57.png?resize=900%2C600&amp;ssl=1 900w, https:\/\/i0.wp.com\/itayachtscanada.com\/wp-content\/uploads\/2023\/11\/Capture-decran-le-2023-11-15-a-14.47.57.png?resize=598%2C400&amp;ssl=1 598w, https:\/\/i0.wp.com\/itayachtscanada.com\/wp-content\/uploads\/2023\/11\/Capture-decran-le-2023-11-15-a-14.47.57.png?w=1400&amp;ssl=1 1400w\" width=\"204\" height=\"136\" loading=\"lazy\" data-original-width=\"204\" data-original-height=\"136\" itemprop=\"http:\/\/schema.org\/image\" title=\"Capture d\u2019\u00e9cran, le 2023-11-15 \u00e0 14.47.57\" alt=\"Capture d\u2019\u00e9cran, le 2023-11-15 \u00e0 14.47.57\" style=\"width: 204px; height: 136px;\" \/> <\/a> <\/div> <div class=\"tiled-gallery-item tiled-gallery-item-small\" itemprop=\"associatedMedia\" itemscope itemtype=\"http:\/\/schema.org\/ImageObject\"> <a href=\"https:\/\/itayachtscanada.com\/fr\/listing\/sunreef-60-sail-2020-3900000-usd-for-sale\/capture-decran-le-2023-11-15-a-14-47-24\/\" border=\"0\" itemprop=\"url\"> <meta itemprop=\"width\" content=\"204\"> <meta itemprop=\"height\" content=\"137\"> <img decoding=\"async\" class=\"\" data-attachment-id=\"141515\" data-orig-file=\"https:\/\/itayachtscanada.com\/wp-content\/uploads\/2023\/11\/Capture-decran-le-2023-11-15-a-14.47.24.png\" data-orig-size=\"1710,1150\" data-comments-opened=\"1\" data-image-meta=\"{&quot;aperture&quot;:&quot;0&quot;,&quot;credit&quot;:&quot;&quot;,&quot;camera&quot;:&quot;&quot;,&quot;caption&quot;:&quot;&quot;,&quot;created_timestamp&quot;:&quot;0&quot;,&quot;copyright&quot;:&quot;&quot;,&quot;focal_length&quot;:&quot;0&quot;,&quot;iso&quot;:&quot;0&quot;,&quot;shutter_speed&quot;:&quot;0&quot;,&quot;title&quot;:&quot;&quot;,&quot;orientation&quot;:&quot;0&quot;}\" data-image-title=\"Capture d\u2019\u00e9cran, le 2023-11-15 \u00e0 14.47.24\" data-image-description=\"\" data-medium-file=\"https:\/\/i0.wp.com\/itayachtscanada.com\/wp-content\/uploads\/2023\/11\/Capture-decran-le-2023-11-15-a-14.47.24.png?fit=300%2C202&#038;ssl=1\" data-large-file=\"https:\/\/i0.wp.com\/itayachtscanada.com\/wp-content\/uploads\/2023\/11\/Capture-decran-le-2023-11-15-a-14.47.24.png?fit=700%2C471&#038;ssl=1\" src=\"https:\/\/i0.wp.com\/itayachtscanada.com\/wp-content\/uploads\/2023\/11\/Capture-decran-le-2023-11-15-a-14.47.24.png?w=204&#038;h=137&#038;ssl=1\" srcset=\"https:\/\/i0.wp.com\/itayachtscanada.com\/wp-content\/uploads\/2023\/11\/Capture-decran-le-2023-11-15-a-14.47.24.png?w=1710&amp;ssl=1 1710w, https:\/\/i0.wp.com\/itayachtscanada.com\/wp-content\/uploads\/2023\/11\/Capture-decran-le-2023-11-15-a-14.47.24.png?resize=300%2C202&amp;ssl=1 300w, https:\/\/i0.wp.com\/itayachtscanada.com\/wp-content\/uploads\/2023\/11\/Capture-decran-le-2023-11-15-a-14.47.24.png?resize=1024%2C689&amp;ssl=1 1024w, https:\/\/i0.wp.com\/itayachtscanada.com\/wp-content\/uploads\/2023\/11\/Capture-decran-le-2023-11-15-a-14.47.24.png?resize=768%2C516&amp;ssl=1 768w, https:\/\/i0.wp.com\/itayachtscanada.com\/wp-content\/uploads\/2023\/11\/Capture-decran-le-2023-11-15-a-14.47.24.png?resize=1536%2C1033&amp;ssl=1 1536w, https:\/\/i0.wp.com\/itayachtscanada.com\/wp-content\/uploads\/2023\/11\/Capture-decran-le-2023-11-15-a-14.47.24.png?resize=1200%2C807&amp;ssl=1 1200w, https:\/\/i0.wp.com\/itayachtscanada.com\/wp-content\/uploads\/2023\/11\/Capture-decran-le-2023-11-15-a-14.47.24.png?resize=700%2C471&amp;ssl=1 700w, https:\/\/i0.wp.com\/itayachtscanada.com\/wp-content\/uploads\/2023\/11\/Capture-decran-le-2023-11-15-a-14.47.24.png?resize=900%2C600&amp;ssl=1 900w, https:\/\/i0.wp.com\/itayachtscanada.com\/wp-content\/uploads\/2023\/11\/Capture-decran-le-2023-11-15-a-14.47.24.png?resize=595%2C400&amp;ssl=1 595w, https:\/\/i0.wp.com\/itayachtscanada.com\/wp-content\/uploads\/2023\/11\/Capture-decran-le-2023-11-15-a-14.47.24.png?w=1400&amp;ssl=1 1400w\" width=\"204\" height=\"137\" loading=\"lazy\" data-original-width=\"204\" data-original-height=\"137\" itemprop=\"http:\/\/schema.org\/image\" title=\"Capture d\u2019\u00e9cran, le 2023-11-15 \u00e0 14.47.24\" alt=\"Capture d\u2019\u00e9cran, le 2023-11-15 \u00e0 14.47.24\" style=\"width: 204px; height: 137px;\" \/> <\/a> <\/div> <\/div> <!-- close group --> <div class=\"gallery-group images-1\" style=\"width: 284px; height: 422px;\" data-original-width=\"284\" data-original-height=\"422\" > <div class=\"tiled-gallery-item tiled-gallery-item-large\" itemprop=\"associatedMedia\" itemscope itemtype=\"http:\/\/schema.org\/ImageObject\"> <a href=\"https:\/\/itayachtscanada.com\/fr\/listing\/sunreef-60-sail-2020-3900000-usd-for-sale\/capture-decran-le-2023-11-15-a-15-00-37\/\" border=\"0\" itemprop=\"url\"> <meta itemprop=\"width\" content=\"280\"> <meta itemprop=\"height\" content=\"418\"> <img decoding=\"async\" class=\"\" data-attachment-id=\"141465\" data-orig-file=\"https:\/\/itayachtscanada.com\/wp-content\/uploads\/2023\/11\/Capture-decran-le-2023-11-15-a-15.00.37.png\" data-orig-size=\"828,1236\" data-comments-opened=\"1\" data-image-meta=\"{&quot;aperture&quot;:&quot;0&quot;,&quot;credit&quot;:&quot;&quot;,&quot;camera&quot;:&quot;&quot;,&quot;caption&quot;:&quot;&quot;,&quot;created_timestamp&quot;:&quot;0&quot;,&quot;copyright&quot;:&quot;&quot;,&quot;focal_length&quot;:&quot;0&quot;,&quot;iso&quot;:&quot;0&quot;,&quot;shutter_speed&quot;:&quot;0&quot;,&quot;title&quot;:&quot;&quot;,&quot;orientation&quot;:&quot;0&quot;}\" data-image-title=\"Capture d\u2019\u00e9cran, le 2023-11-15 \u00e0 15.00.37\" data-image-description=\"\" data-medium-file=\"https:\/\/i0.wp.com\/itayachtscanada.com\/wp-content\/uploads\/2023\/11\/Capture-decran-le-2023-11-15-a-15.00.37.png?fit=201%2C300&#038;ssl=1\" data-large-file=\"https:\/\/i0.wp.com\/itayachtscanada.com\/wp-content\/uploads\/2023\/11\/Capture-decran-le-2023-11-15-a-15.00.37.png?fit=686%2C1024&#038;ssl=1\" src=\"https:\/\/i0.wp.com\/itayachtscanada.com\/wp-content\/uploads\/2023\/11\/Capture-decran-le-2023-11-15-a-15.00.37.png?w=280&#038;h=418&#038;ssl=1\" srcset=\"https:\/\/i0.wp.com\/itayachtscanada.com\/wp-content\/uploads\/2023\/11\/Capture-decran-le-2023-11-15-a-15.00.37.png?w=828&amp;ssl=1 828w, https:\/\/i0.wp.com\/itayachtscanada.com\/wp-content\/uploads\/2023\/11\/Capture-decran-le-2023-11-15-a-15.00.37.png?resize=201%2C300&amp;ssl=1 201w, https:\/\/i0.wp.com\/itayachtscanada.com\/wp-content\/uploads\/2023\/11\/Capture-decran-le-2023-11-15-a-15.00.37.png?resize=686%2C1024&amp;ssl=1 686w, https:\/\/i0.wp.com\/itayachtscanada.com\/wp-content\/uploads\/2023\/11\/Capture-decran-le-2023-11-15-a-15.00.37.png?resize=768%2C1146&amp;ssl=1 768w, https:\/\/i0.wp.com\/itayachtscanada.com\/wp-content\/uploads\/2023\/11\/Capture-decran-le-2023-11-15-a-15.00.37.png?resize=700%2C1045&amp;ssl=1 700w, https:\/\/i0.wp.com\/itayachtscanada.com\/wp-content\/uploads\/2023\/11\/Capture-decran-le-2023-11-15-a-15.00.37.png?resize=268%2C400&amp;ssl=1 268w\" width=\"280\" height=\"418\" loading=\"lazy\" data-original-width=\"280\" data-original-height=\"418\" itemprop=\"http:\/\/schema.org\/image\" title=\"Capture d\u2019\u00e9cran, le 2023-11-15 \u00e0 15.00.37\" alt=\"Capture d\u2019\u00e9cran, le 2023-11-15 \u00e0 15.00.37\" style=\"width: 280px; height: 418px;\" \/> <\/a> <\/div> <\/div> <!-- close group --> <div class=\"gallery-group images-3\" style=\"width: 208px; height: 422px;\" data-original-width=\"208\" data-original-height=\"422\" > <div class=\"tiled-gallery-item tiled-gallery-item-small\" itemprop=\"associatedMedia\" itemscope itemtype=\"http:\/\/schema.org\/ImageObject\"> <a href=\"https:\/\/itayachtscanada.com\/fr\/listing\/sunreef-60-sail-2020-3900000-usd-for-sale\/capture-decran-le-2023-11-15-a-14-32-49\/\" border=\"0\" itemprop=\"url\"> <meta itemprop=\"width\" content=\"204\"> <meta itemprop=\"height\" content=\"135\"> <img decoding=\"async\" class=\"\" data-attachment-id=\"141545\" data-orig-file=\"https:\/\/itayachtscanada.com\/wp-content\/uploads\/2023\/11\/Capture-decran-le-2023-11-15-a-14.32.49.png\" data-orig-size=\"1654,1092\" data-comments-opened=\"1\" data-image-meta=\"{&quot;aperture&quot;:&quot;0&quot;,&quot;credit&quot;:&quot;&quot;,&quot;camera&quot;:&quot;&quot;,&quot;caption&quot;:&quot;&quot;,&quot;created_timestamp&quot;:&quot;0&quot;,&quot;copyright&quot;:&quot;&quot;,&quot;focal_length&quot;:&quot;0&quot;,&quot;iso&quot;:&quot;0&quot;,&quot;shutter_speed&quot;:&quot;0&quot;,&quot;title&quot;:&quot;&quot;,&quot;orientation&quot;:&quot;0&quot;}\" data-image-title=\"Capture d\u2019\u00e9cran, le 2023-11-15 \u00e0 14.32.49\" data-image-description=\"\" data-medium-file=\"https:\/\/i0.wp.com\/itayachtscanada.com\/wp-content\/uploads\/2023\/11\/Capture-decran-le-2023-11-15-a-14.32.49.png?fit=300%2C198&#038;ssl=1\" data-large-file=\"https:\/\/i0.wp.com\/itayachtscanada.com\/wp-content\/uploads\/2023\/11\/Capture-decran-le-2023-11-15-a-14.32.49.png?fit=700%2C462&#038;ssl=1\" src=\"https:\/\/i0.wp.com\/itayachtscanada.com\/wp-content\/uploads\/2023\/11\/Capture-decran-le-2023-11-15-a-14.32.49.png?w=204&#038;h=135&#038;ssl=1\" srcset=\"https:\/\/i0.wp.com\/itayachtscanada.com\/wp-content\/uploads\/2023\/11\/Capture-decran-le-2023-11-15-a-14.32.49.png?w=1654&amp;ssl=1 1654w, https:\/\/i0.wp.com\/itayachtscanada.com\/wp-content\/uploads\/2023\/11\/Capture-decran-le-2023-11-15-a-14.32.49.png?resize=300%2C198&amp;ssl=1 300w, https:\/\/i0.wp.com\/itayachtscanada.com\/wp-content\/uploads\/2023\/11\/Capture-decran-le-2023-11-15-a-14.32.49.png?resize=1024%2C676&amp;ssl=1 1024w, https:\/\/i0.wp.com\/itayachtscanada.com\/wp-content\/uploads\/2023\/11\/Capture-decran-le-2023-11-15-a-14.32.49.png?resize=768%2C507&amp;ssl=1 768w, https:\/\/i0.wp.com\/itayachtscanada.com\/wp-content\/uploads\/2023\/11\/Capture-decran-le-2023-11-15-a-14.32.49.png?resize=1536%2C1014&amp;ssl=1 1536w, https:\/\/i0.wp.com\/itayachtscanada.com\/wp-content\/uploads\/2023\/11\/Capture-decran-le-2023-11-15-a-14.32.49.png?resize=1200%2C792&amp;ssl=1 1200w, https:\/\/i0.wp.com\/itayachtscanada.com\/wp-content\/uploads\/2023\/11\/Capture-decran-le-2023-11-15-a-14.32.49.png?resize=700%2C462&amp;ssl=1 700w, https:\/\/i0.wp.com\/itayachtscanada.com\/wp-content\/uploads\/2023\/11\/Capture-decran-le-2023-11-15-a-14.32.49.png?resize=900%2C600&amp;ssl=1 900w, https:\/\/i0.wp.com\/itayachtscanada.com\/wp-content\/uploads\/2023\/11\/Capture-decran-le-2023-11-15-a-14.32.49.png?resize=606%2C400&amp;ssl=1 606w, https:\/\/i0.wp.com\/itayachtscanada.com\/wp-content\/uploads\/2023\/11\/Capture-decran-le-2023-11-15-a-14.32.49.png?w=1400&amp;ssl=1 1400w\" width=\"204\" height=\"135\" loading=\"lazy\" data-original-width=\"204\" data-original-height=\"135\" itemprop=\"http:\/\/schema.org\/image\" title=\"Capture d\u2019\u00e9cran, le 2023-11-15 \u00e0 14.32.49\" alt=\"Capture d\u2019\u00e9cran, le 2023-11-15 \u00e0 14.32.49\" style=\"width: 204px; height: 135px;\" \/> <\/a> <\/div> <div class=\"tiled-gallery-item tiled-gallery-item-small\" itemprop=\"associatedMedia\" itemscope itemtype=\"http:\/\/schema.org\/ImageObject\"> <a href=\"https:\/\/itayachtscanada.com\/fr\/listing\/sunreef-60-sail-2020-3900000-usd-for-sale\/capture-decran-le-2023-11-15-a-14-33-00\/\" border=\"0\" itemprop=\"url\"> <meta itemprop=\"width\" content=\"204\"> <meta itemprop=\"height\" content=\"138\"> <img decoding=\"async\" class=\"\" data-attachment-id=\"141542\" data-orig-file=\"https:\/\/itayachtscanada.com\/wp-content\/uploads\/2023\/11\/Capture-decran-le-2023-11-15-a-14.33.00.png\" data-orig-size=\"1654,1112\" data-comments-opened=\"1\" data-image-meta=\"{&quot;aperture&quot;:&quot;0&quot;,&quot;credit&quot;:&quot;&quot;,&quot;camera&quot;:&quot;&quot;,&quot;caption&quot;:&quot;&quot;,&quot;created_timestamp&quot;:&quot;0&quot;,&quot;copyright&quot;:&quot;&quot;,&quot;focal_length&quot;:&quot;0&quot;,&quot;iso&quot;:&quot;0&quot;,&quot;shutter_speed&quot;:&quot;0&quot;,&quot;title&quot;:&quot;&quot;,&quot;orientation&quot;:&quot;0&quot;}\" data-image-title=\"Capture d\u2019\u00e9cran, le 2023-11-15 \u00e0 14.33.00\" data-image-description=\"\" data-medium-file=\"https:\/\/i0.wp.com\/itayachtscanada.com\/wp-content\/uploads\/2023\/11\/Capture-decran-le-2023-11-15-a-14.33.00.png?fit=300%2C202&#038;ssl=1\" data-large-file=\"https:\/\/i0.wp.com\/itayachtscanada.com\/wp-content\/uploads\/2023\/11\/Capture-decran-le-2023-11-15-a-14.33.00.png?fit=700%2C470&#038;ssl=1\" src=\"https:\/\/i0.wp.com\/itayachtscanada.com\/wp-content\/uploads\/2023\/11\/Capture-decran-le-2023-11-15-a-14.33.00.png?w=204&#038;h=138&#038;ssl=1\" srcset=\"https:\/\/i0.wp.com\/itayachtscanada.com\/wp-content\/uploads\/2023\/11\/Capture-decran-le-2023-11-15-a-14.33.00.png?w=1654&amp;ssl=1 1654w, https:\/\/i0.wp.com\/itayachtscanada.com\/wp-content\/uploads\/2023\/11\/Capture-decran-le-2023-11-15-a-14.33.00.png?resize=300%2C202&amp;ssl=1 300w, https:\/\/i0.wp.com\/itayachtscanada.com\/wp-content\/uploads\/2023\/11\/Capture-decran-le-2023-11-15-a-14.33.00.png?resize=1024%2C688&amp;ssl=1 1024w, https:\/\/i0.wp.com\/itayachtscanada.com\/wp-content\/uploads\/2023\/11\/Capture-decran-le-2023-11-15-a-14.33.00.png?resize=768%2C516&amp;ssl=1 768w, https:\/\/i0.wp.com\/itayachtscanada.com\/wp-content\/uploads\/2023\/11\/Capture-decran-le-2023-11-15-a-14.33.00.png?resize=1536%2C1033&amp;ssl=1 1536w, https:\/\/i0.wp.com\/itayachtscanada.com\/wp-content\/uploads\/2023\/11\/Capture-decran-le-2023-11-15-a-14.33.00.png?resize=1200%2C807&amp;ssl=1 1200w, https:\/\/i0.wp.com\/itayachtscanada.com\/wp-content\/uploads\/2023\/11\/Capture-decran-le-2023-11-15-a-14.33.00.png?resize=700%2C471&amp;ssl=1 700w, https:\/\/i0.wp.com\/itayachtscanada.com\/wp-content\/uploads\/2023\/11\/Capture-decran-le-2023-11-15-a-14.33.00.png?resize=595%2C400&amp;ssl=1 595w, https:\/\/i0.wp.com\/itayachtscanada.com\/wp-content\/uploads\/2023\/11\/Capture-decran-le-2023-11-15-a-14.33.00.png?w=1400&amp;ssl=1 1400w\" width=\"204\" height=\"138\" loading=\"lazy\" data-original-width=\"204\" data-original-height=\"138\" itemprop=\"http:\/\/schema.org\/image\" title=\"Capture d\u2019\u00e9cran, le 2023-11-15 \u00e0 14.33.00\" alt=\"Capture d\u2019\u00e9cran, le 2023-11-15 \u00e0 14.33.00\" style=\"width: 204px; height: 138px;\" \/> <\/a> <\/div> <div class=\"tiled-gallery-item tiled-gallery-item-small\" itemprop=\"associatedMedia\" itemscope itemtype=\"http:\/\/schema.org\/ImageObject\"> <a href=\"https:\/\/itayachtscanada.com\/fr\/listing\/sunreef-60-sail-2020-3900000-usd-for-sale\/capture-decran-le-2023-11-15-a-14-32-57\/\" border=\"0\" itemprop=\"url\"> <meta itemprop=\"width\" content=\"204\"> <meta itemprop=\"height\" content=\"137\"> <img decoding=\"async\" class=\"\" data-attachment-id=\"141543\" data-orig-file=\"https:\/\/itayachtscanada.com\/wp-content\/uploads\/2023\/11\/Capture-decran-le-2023-11-15-a-14.32.57.png\" data-orig-size=\"1654,1112\" data-comments-opened=\"1\" data-image-meta=\"{&quot;aperture&quot;:&quot;0&quot;,&quot;credit&quot;:&quot;&quot;,&quot;camera&quot;:&quot;&quot;,&quot;caption&quot;:&quot;&quot;,&quot;created_timestamp&quot;:&quot;0&quot;,&quot;copyright&quot;:&quot;&quot;,&quot;focal_length&quot;:&quot;0&quot;,&quot;iso&quot;:&quot;0&quot;,&quot;shutter_speed&quot;:&quot;0&quot;,&quot;title&quot;:&quot;&quot;,&quot;orientation&quot;:&quot;0&quot;}\" data-image-title=\"Capture d\u2019\u00e9cran, le 2023-11-15 \u00e0 14.32.57\" data-image-description=\"\" data-medium-file=\"https:\/\/i0.wp.com\/itayachtscanada.com\/wp-content\/uploads\/2023\/11\/Capture-decran-le-2023-11-15-a-14.32.57.png?fit=300%2C202&#038;ssl=1\" data-large-file=\"https:\/\/i0.wp.com\/itayachtscanada.com\/wp-content\/uploads\/2023\/11\/Capture-decran-le-2023-11-15-a-14.32.57.png?fit=700%2C470&#038;ssl=1\" src=\"https:\/\/i0.wp.com\/itayachtscanada.com\/wp-content\/uploads\/2023\/11\/Capture-decran-le-2023-11-15-a-14.32.57.png?w=204&#038;h=137&#038;ssl=1\" srcset=\"https:\/\/i0.wp.com\/itayachtscanada.com\/wp-content\/uploads\/2023\/11\/Capture-decran-le-2023-11-15-a-14.32.57.png?w=1654&amp;ssl=1 1654w, https:\/\/i0.wp.com\/itayachtscanada.com\/wp-content\/uploads\/2023\/11\/Capture-decran-le-2023-11-15-a-14.32.57.png?resize=300%2C202&amp;ssl=1 300w, https:\/\/i0.wp.com\/itayachtscanada.com\/wp-content\/uploads\/2023\/11\/Capture-decran-le-2023-11-15-a-14.32.57.png?resize=1024%2C688&amp;ssl=1 1024w, https:\/\/i0.wp.com\/itayachtscanada.com\/wp-content\/uploads\/2023\/11\/Capture-decran-le-2023-11-15-a-14.32.57.png?resize=768%2C516&amp;ssl=1 768w, https:\/\/i0.wp.com\/itayachtscanada.com\/wp-content\/uploads\/2023\/11\/Capture-decran-le-2023-11-15-a-14.32.57.png?resize=1536%2C1033&amp;ssl=1 1536w, https:\/\/i0.wp.com\/itayachtscanada.com\/wp-content\/uploads\/2023\/11\/Capture-decran-le-2023-11-15-a-14.32.57.png?resize=1200%2C807&amp;ssl=1 1200w, https:\/\/i0.wp.com\/itayachtscanada.com\/wp-content\/uploads\/2023\/11\/Capture-decran-le-2023-11-15-a-14.32.57.png?resize=700%2C471&amp;ssl=1 700w, https:\/\/i0.wp.com\/itayachtscanada.com\/wp-content\/uploads\/2023\/11\/Capture-decran-le-2023-11-15-a-14.32.57.png?resize=900%2C600&amp;ssl=1 900w, https:\/\/i0.wp.com\/itayachtscanada.com\/wp-content\/uploads\/2023\/11\/Capture-decran-le-2023-11-15-a-14.32.57.png?resize=595%2C400&amp;ssl=1 595w, https:\/\/i0.wp.com\/itayachtscanada.com\/wp-content\/uploads\/2023\/11\/Capture-decran-le-2023-11-15-a-14.32.57.png?w=1400&amp;ssl=1 1400w\" width=\"204\" height=\"137\" loading=\"lazy\" data-original-width=\"204\" data-original-height=\"137\" itemprop=\"http:\/\/schema.org\/image\" title=\"Capture d\u2019\u00e9cran, le 2023-11-15 \u00e0 14.32.57\" alt=\"Capture d\u2019\u00e9cran, le 2023-11-15 \u00e0 14.32.57\" style=\"width: 204px; height: 137px;\" \/> <\/a> <\/div> <\/div> <!-- close group --> <\/div> <!-- close row --> <div class=\"gallery-row\" style=\"width: 700px; height: 310px;\" data-original-width=\"700\" data-original-height=\"310\" > <div class=\"gallery-group images-2\" style=\"width: 231px; height: 310px;\" data-original-width=\"231\" data-original-height=\"310\" > <div class=\"tiled-gallery-item tiled-gallery-item-small\" itemprop=\"associatedMedia\" itemscope itemtype=\"http:\/\/schema.org\/ImageObject\"> <a href=\"https:\/\/itayachtscanada.com\/fr\/listing\/sunreef-60-sail-2020-3900000-usd-for-sale\/capture-decran-le-2023-11-15-a-14-34-42\/\" border=\"0\" itemprop=\"url\"> <meta itemprop=\"width\" content=\"227\"> <meta itemprop=\"height\" content=\"152\"> <img decoding=\"async\" class=\"\" data-attachment-id=\"141525\" data-orig-file=\"https:\/\/itayachtscanada.com\/wp-content\/uploads\/2023\/11\/Capture-decran-le-2023-11-15-a-14.34.42.png\" data-orig-size=\"1658,1112\" data-comments-opened=\"1\" data-image-meta=\"{&quot;aperture&quot;:&quot;0&quot;,&quot;credit&quot;:&quot;&quot;,&quot;camera&quot;:&quot;&quot;,&quot;caption&quot;:&quot;&quot;,&quot;created_timestamp&quot;:&quot;0&quot;,&quot;copyright&quot;:&quot;&quot;,&quot;focal_length&quot;:&quot;0&quot;,&quot;iso&quot;:&quot;0&quot;,&quot;shutter_speed&quot;:&quot;0&quot;,&quot;title&quot;:&quot;&quot;,&quot;orientation&quot;:&quot;0&quot;}\" data-image-title=\"Capture d\u2019\u00e9cran, le 2023-11-15 \u00e0 14.34.42\" data-image-description=\"\" data-medium-file=\"https:\/\/i0.wp.com\/itayachtscanada.com\/wp-content\/uploads\/2023\/11\/Capture-decran-le-2023-11-15-a-14.34.42.png?fit=300%2C201&#038;ssl=1\" data-large-file=\"https:\/\/i0.wp.com\/itayachtscanada.com\/wp-content\/uploads\/2023\/11\/Capture-decran-le-2023-11-15-a-14.34.42.png?fit=700%2C470&#038;ssl=1\" src=\"https:\/\/i0.wp.com\/itayachtscanada.com\/wp-content\/uploads\/2023\/11\/Capture-decran-le-2023-11-15-a-14.34.42.png?w=227&#038;h=152&#038;ssl=1\" srcset=\"https:\/\/i0.wp.com\/itayachtscanada.com\/wp-content\/uploads\/2023\/11\/Capture-decran-le-2023-11-15-a-14.34.42.png?w=1658&amp;ssl=1 1658w, https:\/\/i0.wp.com\/itayachtscanada.com\/wp-content\/uploads\/2023\/11\/Capture-decran-le-2023-11-15-a-14.34.42.png?resize=300%2C201&amp;ssl=1 300w, https:\/\/i0.wp.com\/itayachtscanada.com\/wp-content\/uploads\/2023\/11\/Capture-decran-le-2023-11-15-a-14.34.42.png?resize=1024%2C687&amp;ssl=1 1024w, https:\/\/i0.wp.com\/itayachtscanada.com\/wp-content\/uploads\/2023\/11\/Capture-decran-le-2023-11-15-a-14.34.42.png?resize=768%2C515&amp;ssl=1 768w, https:\/\/i0.wp.com\/itayachtscanada.com\/wp-content\/uploads\/2023\/11\/Capture-decran-le-2023-11-15-a-14.34.42.png?resize=1536%2C1030&amp;ssl=1 1536w, https:\/\/i0.wp.com\/itayachtscanada.com\/wp-content\/uploads\/2023\/11\/Capture-decran-le-2023-11-15-a-14.34.42.png?resize=1200%2C805&amp;ssl=1 1200w, https:\/\/i0.wp.com\/itayachtscanada.com\/wp-content\/uploads\/2023\/11\/Capture-decran-le-2023-11-15-a-14.34.42.png?resize=700%2C469&amp;ssl=1 700w, https:\/\/i0.wp.com\/itayachtscanada.com\/wp-content\/uploads\/2023\/11\/Capture-decran-le-2023-11-15-a-14.34.42.png?resize=900%2C600&amp;ssl=1 900w, https:\/\/i0.wp.com\/itayachtscanada.com\/wp-content\/uploads\/2023\/11\/Capture-decran-le-2023-11-15-a-14.34.42.png?resize=596%2C400&amp;ssl=1 596w, https:\/\/i0.wp.com\/itayachtscanada.com\/wp-content\/uploads\/2023\/11\/Capture-decran-le-2023-11-15-a-14.34.42.png?w=1400&amp;ssl=1 1400w\" width=\"227\" height=\"152\" loading=\"lazy\" data-original-width=\"227\" data-original-height=\"152\" itemprop=\"http:\/\/schema.org\/image\" title=\"Capture d\u2019\u00e9cran, le 2023-11-15 \u00e0 14.34.42\" alt=\"Capture d\u2019\u00e9cran, le 2023-11-15 \u00e0 14.34.42\" style=\"width: 227px; height: 152px;\" \/> <\/a> <\/div> <div class=\"tiled-gallery-item tiled-gallery-item-small\" itemprop=\"associatedMedia\" itemscope itemtype=\"http:\/\/schema.org\/ImageObject\"> <a href=\"https:\/\/itayachtscanada.com\/fr\/listing\/sunreef-60-sail-2020-3900000-usd-for-sale\/capture-decran-le-2023-11-15-a-14-32-41\/\" border=\"0\" itemprop=\"url\"> <meta itemprop=\"width\" content=\"227\"> <meta itemprop=\"height\" content=\"150\"> <img decoding=\"async\" class=\"\" data-attachment-id=\"141547\" data-orig-file=\"https:\/\/itayachtscanada.com\/wp-content\/uploads\/2023\/11\/Capture-decran-le-2023-11-15-a-14.32.41.png\" data-orig-size=\"1654,1092\" data-comments-opened=\"1\" data-image-meta=\"{&quot;aperture&quot;:&quot;0&quot;,&quot;credit&quot;:&quot;&quot;,&quot;camera&quot;:&quot;&quot;,&quot;caption&quot;:&quot;&quot;,&quot;created_timestamp&quot;:&quot;0&quot;,&quot;copyright&quot;:&quot;&quot;,&quot;focal_length&quot;:&quot;0&quot;,&quot;iso&quot;:&quot;0&quot;,&quot;shutter_speed&quot;:&quot;0&quot;,&quot;title&quot;:&quot;&quot;,&quot;orientation&quot;:&quot;0&quot;}\" data-image-title=\"Capture d\u2019\u00e9cran, le 2023-11-15 \u00e0 14.32.41\" data-image-description=\"\" data-medium-file=\"https:\/\/i0.wp.com\/itayachtscanada.com\/wp-content\/uploads\/2023\/11\/Capture-decran-le-2023-11-15-a-14.32.41.png?fit=300%2C198&#038;ssl=1\" data-large-file=\"https:\/\/i0.wp.com\/itayachtscanada.com\/wp-content\/uploads\/2023\/11\/Capture-decran-le-2023-11-15-a-14.32.41.png?fit=700%2C462&#038;ssl=1\" src=\"https:\/\/i0.wp.com\/itayachtscanada.com\/wp-content\/uploads\/2023\/11\/Capture-decran-le-2023-11-15-a-14.32.41.png?w=227&#038;h=150&#038;ssl=1\" srcset=\"https:\/\/i0.wp.com\/itayachtscanada.com\/wp-content\/uploads\/2023\/11\/Capture-decran-le-2023-11-15-a-14.32.41.png?w=1654&amp;ssl=1 1654w, https:\/\/i0.wp.com\/itayachtscanada.com\/wp-content\/uploads\/2023\/11\/Capture-decran-le-2023-11-15-a-14.32.41.png?resize=300%2C198&amp;ssl=1 300w, https:\/\/i0.wp.com\/itayachtscanada.com\/wp-content\/uploads\/2023\/11\/Capture-decran-le-2023-11-15-a-14.32.41.png?resize=1024%2C676&amp;ssl=1 1024w, https:\/\/i0.wp.com\/itayachtscanada.com\/wp-content\/uploads\/2023\/11\/Capture-decran-le-2023-11-15-a-14.32.41.png?resize=768%2C507&amp;ssl=1 768w, https:\/\/i0.wp.com\/itayachtscanada.com\/wp-content\/uploads\/2023\/11\/Capture-decran-le-2023-11-15-a-14.32.41.png?resize=1536%2C1014&amp;ssl=1 1536w, https:\/\/i0.wp.com\/itayachtscanada.com\/wp-content\/uploads\/2023\/11\/Capture-decran-le-2023-11-15-a-14.32.41.png?resize=1200%2C792&amp;ssl=1 1200w, https:\/\/i0.wp.com\/itayachtscanada.com\/wp-content\/uploads\/2023\/11\/Capture-decran-le-2023-11-15-a-14.32.41.png?resize=700%2C462&amp;ssl=1 700w, https:\/\/i0.wp.com\/itayachtscanada.com\/wp-content\/uploads\/2023\/11\/Capture-decran-le-2023-11-15-a-14.32.41.png?resize=900%2C600&amp;ssl=1 900w, https:\/\/i0.wp.com\/itayachtscanada.com\/wp-content\/uploads\/2023\/11\/Capture-decran-le-2023-11-15-a-14.32.41.png?resize=606%2C400&amp;ssl=1 606w, https:\/\/i0.wp.com\/itayachtscanada.com\/wp-content\/uploads\/2023\/11\/Capture-decran-le-2023-11-15-a-14.32.41.png?w=1400&amp;ssl=1 1400w\" width=\"227\" height=\"150\" loading=\"lazy\" data-original-width=\"227\" data-original-height=\"150\" itemprop=\"http:\/\/schema.org\/image\" title=\"Capture d\u2019\u00e9cran, le 2023-11-15 \u00e0 14.32.41\" alt=\"Capture d\u2019\u00e9cran, le 2023-11-15 \u00e0 14.32.41\" style=\"width: 227px; height: 150px;\" \/> <\/a> <\/div> <\/div> <!-- close group --> <div class=\"gallery-group images-1\" style=\"width: 469px; height: 310px;\" data-original-width=\"469\" data-original-height=\"310\" > <div class=\"tiled-gallery-item tiled-gallery-item-large\" itemprop=\"associatedMedia\" itemscope itemtype=\"http:\/\/schema.org\/ImageObject\"> <a href=\"https:\/\/itayachtscanada.com\/fr\/listing\/sunreef-60-sail-2020-3900000-usd-for-sale\/capture-decran-le-2023-11-15-a-14-34-00\/\" border=\"0\" itemprop=\"url\"> <meta itemprop=\"width\" content=\"465\"> <meta itemprop=\"height\" content=\"306\"> <img decoding=\"async\" class=\"\" data-attachment-id=\"141532\" data-orig-file=\"https:\/\/itayachtscanada.com\/wp-content\/uploads\/2023\/11\/Capture-decran-le-2023-11-15-a-14.34.00.png\" data-orig-size=\"1686,1112\" data-comments-opened=\"1\" data-image-meta=\"{&quot;aperture&quot;:&quot;0&quot;,&quot;credit&quot;:&quot;&quot;,&quot;camera&quot;:&quot;&quot;,&quot;caption&quot;:&quot;&quot;,&quot;created_timestamp&quot;:&quot;0&quot;,&quot;copyright&quot;:&quot;&quot;,&quot;focal_length&quot;:&quot;0&quot;,&quot;iso&quot;:&quot;0&quot;,&quot;shutter_speed&quot;:&quot;0&quot;,&quot;title&quot;:&quot;&quot;,&quot;orientation&quot;:&quot;0&quot;}\" data-image-title=\"Capture d\u2019\u00e9cran, le 2023-11-15 \u00e0 14.34.00\" data-image-description=\"\" data-medium-file=\"https:\/\/i0.wp.com\/itayachtscanada.com\/wp-content\/uploads\/2023\/11\/Capture-decran-le-2023-11-15-a-14.34.00.png?fit=300%2C198&#038;ssl=1\" data-large-file=\"https:\/\/i0.wp.com\/itayachtscanada.com\/wp-content\/uploads\/2023\/11\/Capture-decran-le-2023-11-15-a-14.34.00.png?fit=700%2C461&#038;ssl=1\" src=\"https:\/\/i0.wp.com\/itayachtscanada.com\/wp-content\/uploads\/2023\/11\/Capture-decran-le-2023-11-15-a-14.34.00.png?w=465&#038;h=306&#038;ssl=1\" srcset=\"https:\/\/i0.wp.com\/itayachtscanada.com\/wp-content\/uploads\/2023\/11\/Capture-decran-le-2023-11-15-a-14.34.00.png?w=1686&amp;ssl=1 1686w, https:\/\/i0.wp.com\/itayachtscanada.com\/wp-content\/uploads\/2023\/11\/Capture-decran-le-2023-11-15-a-14.34.00.png?resize=300%2C198&amp;ssl=1 300w, https:\/\/i0.wp.com\/itayachtscanada.com\/wp-content\/uploads\/2023\/11\/Capture-decran-le-2023-11-15-a-14.34.00.png?resize=1024%2C675&amp;ssl=1 1024w, https:\/\/i0.wp.com\/itayachtscanada.com\/wp-content\/uploads\/2023\/11\/Capture-decran-le-2023-11-15-a-14.34.00.png?resize=768%2C507&amp;ssl=1 768w, https:\/\/i0.wp.com\/itayachtscanada.com\/wp-content\/uploads\/2023\/11\/Capture-decran-le-2023-11-15-a-14.34.00.png?resize=1536%2C1013&amp;ssl=1 1536w, https:\/\/i0.wp.com\/itayachtscanada.com\/wp-content\/uploads\/2023\/11\/Capture-decran-le-2023-11-15-a-14.34.00.png?resize=1200%2C791&amp;ssl=1 1200w, https:\/\/i0.wp.com\/itayachtscanada.com\/wp-content\/uploads\/2023\/11\/Capture-decran-le-2023-11-15-a-14.34.00.png?resize=700%2C462&amp;ssl=1 700w, https:\/\/i0.wp.com\/itayachtscanada.com\/wp-content\/uploads\/2023\/11\/Capture-decran-le-2023-11-15-a-14.34.00.png?resize=606%2C400&amp;ssl=1 606w, https:\/\/i0.wp.com\/itayachtscanada.com\/wp-content\/uploads\/2023\/11\/Capture-decran-le-2023-11-15-a-14.34.00.png?w=1400&amp;ssl=1 1400w\" width=\"465\" height=\"306\" loading=\"lazy\" data-original-width=\"465\" data-original-height=\"306\" itemprop=\"http:\/\/schema.org\/image\" title=\"Capture d\u2019\u00e9cran, le 2023-11-15 \u00e0 14.34.00\" alt=\"Capture d\u2019\u00e9cran, le 2023-11-15 \u00e0 14.34.00\" style=\"width: 465px; height: 306px;\" \/> <\/a> <\/div> <\/div> <!-- close group --> <\/div> <!-- close row --> <div class=\"gallery-row\" style=\"width: 700px; height: 243px;\" data-original-width=\"700\" data-original-height=\"243\" > <div class=\"gallery-group images-1\" style=\"width: 340px; height: 243px;\" data-original-width=\"340\" data-original-height=\"243\" > <div class=\"tiled-gallery-item tiled-gallery-item-large\" itemprop=\"associatedMedia\" itemscope itemtype=\"http:\/\/schema.org\/ImageObject\"> <a href=\"https:\/\/itayachtscanada.com\/fr\/listing\/sunreef-60-sail-2020-3900000-usd-for-sale\/capture-decran-le-2023-11-15-a-14-58-37\/\" border=\"0\" itemprop=\"url\"> <meta itemprop=\"width\" content=\"336\"> <meta itemprop=\"height\" content=\"239\"> <img decoding=\"async\" class=\"\" data-attachment-id=\"141471\" data-orig-file=\"https:\/\/itayachtscanada.com\/wp-content\/uploads\/2023\/11\/Capture-decran-le-2023-11-15-a-14.58.37.png\" data-orig-size=\"1758,1252\" data-comments-opened=\"1\" data-image-meta=\"{&quot;aperture&quot;:&quot;0&quot;,&quot;credit&quot;:&quot;&quot;,&quot;camera&quot;:&quot;&quot;,&quot;caption&quot;:&quot;&quot;,&quot;created_timestamp&quot;:&quot;0&quot;,&quot;copyright&quot;:&quot;&quot;,&quot;focal_length&quot;:&quot;0&quot;,&quot;iso&quot;:&quot;0&quot;,&quot;shutter_speed&quot;:&quot;0&quot;,&quot;title&quot;:&quot;&quot;,&quot;orientation&quot;:&quot;0&quot;}\" data-image-title=\"Capture d\u2019\u00e9cran, le 2023-11-15 \u00e0 14.58.37\" data-image-description=\"\" data-medium-file=\"https:\/\/i0.wp.com\/itayachtscanada.com\/wp-content\/uploads\/2023\/11\/Capture-decran-le-2023-11-15-a-14.58.37.png?fit=300%2C214&#038;ssl=1\" data-large-file=\"https:\/\/i0.wp.com\/itayachtscanada.com\/wp-content\/uploads\/2023\/11\/Capture-decran-le-2023-11-15-a-14.58.37.png?fit=700%2C498&#038;ssl=1\" src=\"https:\/\/i0.wp.com\/itayachtscanada.com\/wp-content\/uploads\/2023\/11\/Capture-decran-le-2023-11-15-a-14.58.37.png?w=336&#038;h=239&#038;ssl=1\" srcset=\"https:\/\/i0.wp.com\/itayachtscanada.com\/wp-content\/uploads\/2023\/11\/Capture-decran-le-2023-11-15-a-14.58.37.png?w=1758&amp;ssl=1 1758w, https:\/\/i0.wp.com\/itayachtscanada.com\/wp-content\/uploads\/2023\/11\/Capture-decran-le-2023-11-15-a-14.58.37.png?resize=300%2C214&amp;ssl=1 300w, https:\/\/i0.wp.com\/itayachtscanada.com\/wp-content\/uploads\/2023\/11\/Capture-decran-le-2023-11-15-a-14.58.37.png?resize=1024%2C729&amp;ssl=1 1024w, https:\/\/i0.wp.com\/itayachtscanada.com\/wp-content\/uploads\/2023\/11\/Capture-decran-le-2023-11-15-a-14.58.37.png?resize=768%2C547&amp;ssl=1 768w, https:\/\/i0.wp.com\/itayachtscanada.com\/wp-content\/uploads\/2023\/11\/Capture-decran-le-2023-11-15-a-14.58.37.png?resize=1536%2C1094&amp;ssl=1 1536w, https:\/\/i0.wp.com\/itayachtscanada.com\/wp-content\/uploads\/2023\/11\/Capture-decran-le-2023-11-15-a-14.58.37.png?resize=1200%2C855&amp;ssl=1 1200w, https:\/\/i0.wp.com\/itayachtscanada.com\/wp-content\/uploads\/2023\/11\/Capture-decran-le-2023-11-15-a-14.58.37.png?resize=700%2C499&amp;ssl=1 700w, https:\/\/i0.wp.com\/itayachtscanada.com\/wp-content\/uploads\/2023\/11\/Capture-decran-le-2023-11-15-a-14.58.37.png?resize=562%2C400&amp;ssl=1 562w, https:\/\/i0.wp.com\/itayachtscanada.com\/wp-content\/uploads\/2023\/11\/Capture-decran-le-2023-11-15-a-14.58.37.png?w=1400&amp;ssl=1 1400w\" width=\"336\" height=\"239\" loading=\"lazy\" data-original-width=\"336\" data-original-height=\"239\" itemprop=\"http:\/\/schema.org\/image\" title=\"Capture d\u2019\u00e9cran, le 2023-11-15 \u00e0 14.58.37\" alt=\"Capture d\u2019\u00e9cran, le 2023-11-15 \u00e0 14.58.37\" style=\"width: 336px; height: 239px;\" \/> <\/a> <\/div> <\/div> <!-- close group --> <div class=\"gallery-group images-1\" style=\"width: 360px; height: 243px;\" data-original-width=\"360\" data-original-height=\"243\" > <div class=\"tiled-gallery-item tiled-gallery-item-large\" itemprop=\"associatedMedia\" itemscope itemtype=\"http:\/\/schema.org\/ImageObject\"> <a href=\"https:\/\/itayachtscanada.com\/fr\/listing\/sunreef-60-sail-2020-3900000-usd-for-sale\/capture-decran-le-2023-11-15-a-14-47-18\/\" border=\"0\" itemprop=\"url\"> <meta itemprop=\"width\" content=\"356\"> <meta itemprop=\"height\" content=\"239\"> <img decoding=\"async\" class=\"\" data-attachment-id=\"141516\" data-orig-file=\"https:\/\/itayachtscanada.com\/wp-content\/uploads\/2023\/11\/Capture-decran-le-2023-11-15-a-14.47.18.png\" data-orig-size=\"1710,1150\" data-comments-opened=\"1\" data-image-meta=\"{&quot;aperture&quot;:&quot;0&quot;,&quot;credit&quot;:&quot;&quot;,&quot;camera&quot;:&quot;&quot;,&quot;caption&quot;:&quot;&quot;,&quot;created_timestamp&quot;:&quot;0&quot;,&quot;copyright&quot;:&quot;&quot;,&quot;focal_length&quot;:&quot;0&quot;,&quot;iso&quot;:&quot;0&quot;,&quot;shutter_speed&quot;:&quot;0&quot;,&quot;title&quot;:&quot;&quot;,&quot;orientation&quot;:&quot;0&quot;}\" data-image-title=\"Capture d\u2019\u00e9cran, le 2023-11-15 \u00e0 14.47.18\" data-image-description=\"\" data-medium-file=\"https:\/\/i0.wp.com\/itayachtscanada.com\/wp-content\/uploads\/2023\/11\/Capture-decran-le-2023-11-15-a-14.47.18.png?fit=300%2C202&#038;ssl=1\" data-large-file=\"https:\/\/i0.wp.com\/itayachtscanada.com\/wp-content\/uploads\/2023\/11\/Capture-decran-le-2023-11-15-a-14.47.18.png?fit=700%2C471&#038;ssl=1\" src=\"https:\/\/i0.wp.com\/itayachtscanada.com\/wp-content\/uploads\/2023\/11\/Capture-decran-le-2023-11-15-a-14.47.18.png?w=356&#038;h=239&#038;ssl=1\" srcset=\"https:\/\/i0.wp.com\/itayachtscanada.com\/wp-content\/uploads\/2023\/11\/Capture-decran-le-2023-11-15-a-14.47.18.png?w=1710&amp;ssl=1 1710w, https:\/\/i0.wp.com\/itayachtscanada.com\/wp-content\/uploads\/2023\/11\/Capture-decran-le-2023-11-15-a-14.47.18.png?resize=300%2C202&amp;ssl=1 300w, https:\/\/i0.wp.com\/itayachtscanada.com\/wp-content\/uploads\/2023\/11\/Capture-decran-le-2023-11-15-a-14.47.18.png?resize=1024%2C689&amp;ssl=1 1024w, https:\/\/i0.wp.com\/itayachtscanada.com\/wp-content\/uploads\/2023\/11\/Capture-decran-le-2023-11-15-a-14.47.18.png?resize=768%2C516&amp;ssl=1 768w, https:\/\/i0.wp.com\/itayachtscanada.com\/wp-content\/uploads\/2023\/11\/Capture-decran-le-2023-11-15-a-14.47.18.png?resize=1536%2C1033&amp;ssl=1 1536w, https:\/\/i0.wp.com\/itayachtscanada.com\/wp-content\/uploads\/2023\/11\/Capture-decran-le-2023-11-15-a-14.47.18.png?resize=1200%2C807&amp;ssl=1 1200w, https:\/\/i0.wp.com\/itayachtscanada.com\/wp-content\/uploads\/2023\/11\/Capture-decran-le-2023-11-15-a-14.47.18.png?resize=700%2C471&amp;ssl=1 700w, https:\/\/i0.wp.com\/itayachtscanada.com\/wp-content\/uploads\/2023\/11\/Capture-decran-le-2023-11-15-a-14.47.18.png?resize=595%2C400&amp;ssl=1 595w, https:\/\/i0.wp.com\/itayachtscanada.com\/wp-content\/uploads\/2023\/11\/Capture-decran-le-2023-11-15-a-14.47.18.png?w=1400&amp;ssl=1 1400w\" width=\"356\" height=\"239\" loading=\"lazy\" data-original-width=\"356\" data-original-height=\"239\" itemprop=\"http:\/\/schema.org\/image\" title=\"Capture d\u2019\u00e9cran, le 2023-11-15 \u00e0 14.47.18\" alt=\"Capture d\u2019\u00e9cran, le 2023-11-15 \u00e0 14.47.18\" style=\"width: 356px; height: 239px;\" \/> <\/a> <\/div> <\/div> <!-- close group --> <\/div> <!-- close row --> <div class=\"gallery-row\" style=\"width: 700px; height: 315px;\" data-original-width=\"700\" data-original-height=\"315\" > <div class=\"gallery-group images-1\" style=\"width: 467px; height: 315px;\" data-original-width=\"467\" data-original-height=\"315\" > <div class=\"tiled-gallery-item tiled-gallery-item-large\" itemprop=\"associatedMedia\" itemscope itemtype=\"http:\/\/schema.org\/ImageObject\"> <a href=\"https:\/\/itayachtscanada.com\/fr\/listing\/sunreef-60-sail-2020-3900000-usd-for-sale\/capture-decran-le-2023-11-15-a-14-47-14\/\" border=\"0\" itemprop=\"url\"> <meta itemprop=\"width\" content=\"463\"> <meta itemprop=\"height\" content=\"311\"> <img decoding=\"async\" class=\"\" data-attachment-id=\"141517\" data-orig-file=\"https:\/\/itayachtscanada.com\/wp-content\/uploads\/2023\/11\/Capture-decran-le-2023-11-15-a-14.47.14.png\" data-orig-size=\"1710,1150\" data-comments-opened=\"1\" data-image-meta=\"{&quot;aperture&quot;:&quot;0&quot;,&quot;credit&quot;:&quot;&quot;,&quot;camera&quot;:&quot;&quot;,&quot;caption&quot;:&quot;&quot;,&quot;created_timestamp&quot;:&quot;0&quot;,&quot;copyright&quot;:&quot;&quot;,&quot;focal_length&quot;:&quot;0&quot;,&quot;iso&quot;:&quot;0&quot;,&quot;shutter_speed&quot;:&quot;0&quot;,&quot;title&quot;:&quot;&quot;,&quot;orientation&quot;:&quot;0&quot;}\" data-image-title=\"Capture d\u2019\u00e9cran, le 2023-11-15 \u00e0 14.47.14\" data-image-description=\"\" data-medium-file=\"https:\/\/i0.wp.com\/itayachtscanada.com\/wp-content\/uploads\/2023\/11\/Capture-decran-le-2023-11-15-a-14.47.14.png?fit=300%2C202&#038;ssl=1\" data-large-file=\"https:\/\/i0.wp.com\/itayachtscanada.com\/wp-content\/uploads\/2023\/11\/Capture-decran-le-2023-11-15-a-14.47.14.png?fit=700%2C471&#038;ssl=1\" src=\"https:\/\/i0.wp.com\/itayachtscanada.com\/wp-content\/uploads\/2023\/11\/Capture-decran-le-2023-11-15-a-14.47.14.png?w=463&#038;h=311&#038;ssl=1\" srcset=\"https:\/\/i0.wp.com\/itayachtscanada.com\/wp-content\/uploads\/2023\/11\/Capture-decran-le-2023-11-15-a-14.47.14.png?w=1710&amp;ssl=1 1710w, https:\/\/i0.wp.com\/itayachtscanada.com\/wp-content\/uploads\/2023\/11\/Capture-decran-le-2023-11-15-a-14.47.14.png?resize=300%2C202&amp;ssl=1 300w, https:\/\/i0.wp.com\/itayachtscanada.com\/wp-content\/uploads\/2023\/11\/Capture-decran-le-2023-11-15-a-14.47.14.png?resize=1024%2C689&amp;ssl=1 1024w, https:\/\/i0.wp.com\/itayachtscanada.com\/wp-content\/uploads\/2023\/11\/Capture-decran-le-2023-11-15-a-14.47.14.png?resize=768%2C516&amp;ssl=1 768w, https:\/\/i0.wp.com\/itayachtscanada.com\/wp-content\/uploads\/2023\/11\/Capture-decran-le-2023-11-15-a-14.47.14.png?resize=1536%2C1033&amp;ssl=1 1536w, https:\/\/i0.wp.com\/itayachtscanada.com\/wp-content\/uploads\/2023\/11\/Capture-decran-le-2023-11-15-a-14.47.14.png?resize=1200%2C807&amp;ssl=1 1200w, https:\/\/i0.wp.com\/itayachtscanada.com\/wp-content\/uploads\/2023\/11\/Capture-decran-le-2023-11-15-a-14.47.14.png?resize=700%2C471&amp;ssl=1 700w, https:\/\/i0.wp.com\/itayachtscanada.com\/wp-content\/uploads\/2023\/11\/Capture-decran-le-2023-11-15-a-14.47.14.png?resize=595%2C400&amp;ssl=1 595w, https:\/\/i0.wp.com\/itayachtscanada.com\/wp-content\/uploads\/2023\/11\/Capture-decran-le-2023-11-15-a-14.47.14.png?w=1400&amp;ssl=1 1400w\" width=\"463\" height=\"311\" loading=\"lazy\" data-original-width=\"463\" data-original-height=\"311\" itemprop=\"http:\/\/schema.org\/image\" title=\"Capture d\u2019\u00e9cran, le 2023-11-15 \u00e0 14.47.14\" alt=\"Capture d\u2019\u00e9cran, le 2023-11-15 \u00e0 14.47.14\" style=\"width: 463px; height: 311px;\" \/> <\/a> <\/div> <\/div> <!-- close group --> <div class=\"gallery-group images-2\" style=\"width: 233px; height: 315px;\" data-original-width=\"233\" data-original-height=\"315\" > <div class=\"tiled-gallery-item tiled-gallery-item-small\" itemprop=\"associatedMedia\" itemscope itemtype=\"http:\/\/schema.org\/ImageObject\"> <a href=\"https:\/\/itayachtscanada.com\/fr\/listing\/sunreef-60-sail-2020-3900000-usd-for-sale\/capture-decran-le-2023-11-15-a-14-50-20\/\" border=\"0\" itemprop=\"url\"> <meta itemprop=\"width\" content=\"229\"> <meta itemprop=\"height\" content=\"154\"> <img decoding=\"async\" class=\"\" data-attachment-id=\"141487\" data-orig-file=\"https:\/\/itayachtscanada.com\/wp-content\/uploads\/2023\/11\/Capture-decran-le-2023-11-15-a-14.50.20.png\" data-orig-size=\"1718,1150\" data-comments-opened=\"1\" data-image-meta=\"{&quot;aperture&quot;:&quot;0&quot;,&quot;credit&quot;:&quot;&quot;,&quot;camera&quot;:&quot;&quot;,&quot;caption&quot;:&quot;&quot;,&quot;created_timestamp&quot;:&quot;0&quot;,&quot;copyright&quot;:&quot;&quot;,&quot;focal_length&quot;:&quot;0&quot;,&quot;iso&quot;:&quot;0&quot;,&quot;shutter_speed&quot;:&quot;0&quot;,&quot;title&quot;:&quot;&quot;,&quot;orientation&quot;:&quot;0&quot;}\" data-image-title=\"Capture d\u2019\u00e9cran, le 2023-11-15 \u00e0 14.50.20\" data-image-description=\"\" data-medium-file=\"https:\/\/i0.wp.com\/itayachtscanada.com\/wp-content\/uploads\/2023\/11\/Capture-decran-le-2023-11-15-a-14.50.20.png?fit=300%2C201&#038;ssl=1\" data-large-file=\"https:\/\/i0.wp.com\/itayachtscanada.com\/wp-content\/uploads\/2023\/11\/Capture-decran-le-2023-11-15-a-14.50.20.png?fit=700%2C468&#038;ssl=1\" src=\"https:\/\/i0.wp.com\/itayachtscanada.com\/wp-content\/uploads\/2023\/11\/Capture-decran-le-2023-11-15-a-14.50.20.png?w=229&#038;h=154&#038;ssl=1\" srcset=\"https:\/\/i0.wp.com\/itayachtscanada.com\/wp-content\/uploads\/2023\/11\/Capture-decran-le-2023-11-15-a-14.50.20.png?w=1718&amp;ssl=1 1718w, https:\/\/i0.wp.com\/itayachtscanada.com\/wp-content\/uploads\/2023\/11\/Capture-decran-le-2023-11-15-a-14.50.20.png?resize=300%2C201&amp;ssl=1 300w, https:\/\/i0.wp.com\/itayachtscanada.com\/wp-content\/uploads\/2023\/11\/Capture-decran-le-2023-11-15-a-14.50.20.png?resize=1024%2C685&amp;ssl=1 1024w, https:\/\/i0.wp.com\/itayachtscanada.com\/wp-content\/uploads\/2023\/11\/Capture-decran-le-2023-11-15-a-14.50.20.png?resize=768%2C514&amp;ssl=1 768w, https:\/\/i0.wp.com\/itayachtscanada.com\/wp-content\/uploads\/2023\/11\/Capture-decran-le-2023-11-15-a-14.50.20.png?resize=1536%2C1028&amp;ssl=1 1536w, https:\/\/i0.wp.com\/itayachtscanada.com\/wp-content\/uploads\/2023\/11\/Capture-decran-le-2023-11-15-a-14.50.20.png?resize=1200%2C803&amp;ssl=1 1200w, https:\/\/i0.wp.com\/itayachtscanada.com\/wp-content\/uploads\/2023\/11\/Capture-decran-le-2023-11-15-a-14.50.20.png?resize=700%2C469&amp;ssl=1 700w, https:\/\/i0.wp.com\/itayachtscanada.com\/wp-content\/uploads\/2023\/11\/Capture-decran-le-2023-11-15-a-14.50.20.png?resize=900%2C600&amp;ssl=1 900w, https:\/\/i0.wp.com\/itayachtscanada.com\/wp-content\/uploads\/2023\/11\/Capture-decran-le-2023-11-15-a-14.50.20.png?resize=598%2C400&amp;ssl=1 598w, https:\/\/i0.wp.com\/itayachtscanada.com\/wp-content\/uploads\/2023\/11\/Capture-decran-le-2023-11-15-a-14.50.20.png?w=1400&amp;ssl=1 1400w\" width=\"229\" height=\"154\" loading=\"lazy\" data-original-width=\"229\" data-original-height=\"154\" itemprop=\"http:\/\/schema.org\/image\" title=\"Capture d\u2019\u00e9cran, le 2023-11-15 \u00e0 14.50.20\" alt=\"Capture d\u2019\u00e9cran, le 2023-11-15 \u00e0 14.50.20\" style=\"width: 229px; height: 154px;\" \/> <\/a> <\/div> <div class=\"tiled-gallery-item tiled-gallery-item-small\" itemprop=\"associatedMedia\" itemscope itemtype=\"http:\/\/schema.org\/ImageObject\"> <a href=\"https:\/\/itayachtscanada.com\/fr\/listing\/sunreef-60-sail-2020-3900000-usd-for-sale\/capture-decran-le-2023-11-15-a-14-50-25\/\" border=\"0\" itemprop=\"url\"> <meta itemprop=\"width\" content=\"229\"> <meta itemprop=\"height\" content=\"153\"> <img decoding=\"async\" class=\"\" data-attachment-id=\"141486\" data-orig-file=\"https:\/\/itayachtscanada.com\/wp-content\/uploads\/2023\/11\/Capture-decran-le-2023-11-15-a-14.50.25.png\" data-orig-size=\"1718,1150\" data-comments-opened=\"1\" data-image-meta=\"{&quot;aperture&quot;:&quot;0&quot;,&quot;credit&quot;:&quot;&quot;,&quot;camera&quot;:&quot;&quot;,&quot;caption&quot;:&quot;&quot;,&quot;created_timestamp&quot;:&quot;0&quot;,&quot;copyright&quot;:&quot;&quot;,&quot;focal_length&quot;:&quot;0&quot;,&quot;iso&quot;:&quot;0&quot;,&quot;shutter_speed&quot;:&quot;0&quot;,&quot;title&quot;:&quot;&quot;,&quot;orientation&quot;:&quot;0&quot;}\" data-image-title=\"Capture d\u2019\u00e9cran, le 2023-11-15 \u00e0 14.50.25\" data-image-description=\"\" data-medium-file=\"https:\/\/i0.wp.com\/itayachtscanada.com\/wp-content\/uploads\/2023\/11\/Capture-decran-le-2023-11-15-a-14.50.25.png?fit=300%2C201&#038;ssl=1\" data-large-file=\"https:\/\/i0.wp.com\/itayachtscanada.com\/wp-content\/uploads\/2023\/11\/Capture-decran-le-2023-11-15-a-14.50.25.png?fit=700%2C468&#038;ssl=1\" src=\"https:\/\/i0.wp.com\/itayachtscanada.com\/wp-content\/uploads\/2023\/11\/Capture-decran-le-2023-11-15-a-14.50.25.png?w=229&#038;h=153&#038;ssl=1\" srcset=\"https:\/\/i0.wp.com\/itayachtscanada.com\/wp-content\/uploads\/2023\/11\/Capture-decran-le-2023-11-15-a-14.50.25.png?w=1718&amp;ssl=1 1718w, https:\/\/i0.wp.com\/itayachtscanada.com\/wp-content\/uploads\/2023\/11\/Capture-decran-le-2023-11-15-a-14.50.25.png?resize=300%2C201&amp;ssl=1 300w, https:\/\/i0.wp.com\/itayachtscanada.com\/wp-content\/uploads\/2023\/11\/Capture-decran-le-2023-11-15-a-14.50.25.png?resize=1024%2C685&amp;ssl=1 1024w, https:\/\/i0.wp.com\/itayachtscanada.com\/wp-content\/uploads\/2023\/11\/Capture-decran-le-2023-11-15-a-14.50.25.png?resize=768%2C514&amp;ssl=1 768w, https:\/\/i0.wp.com\/itayachtscanada.com\/wp-content\/uploads\/2023\/11\/Capture-decran-le-2023-11-15-a-14.50.25.png?resize=1536%2C1028&amp;ssl=1 1536w, https:\/\/i0.wp.com\/itayachtscanada.com\/wp-content\/uploads\/2023\/11\/Capture-decran-le-2023-11-15-a-14.50.25.png?resize=1200%2C803&amp;ssl=1 1200w, https:\/\/i0.wp.com\/itayachtscanada.com\/wp-content\/uploads\/2023\/11\/Capture-decran-le-2023-11-15-a-14.50.25.png?resize=700%2C469&amp;ssl=1 700w, https:\/\/i0.wp.com\/itayachtscanada.com\/wp-content\/uploads\/2023\/11\/Capture-decran-le-2023-11-15-a-14.50.25.png?resize=900%2C600&amp;ssl=1 900w, https:\/\/i0.wp.com\/itayachtscanada.com\/wp-content\/uploads\/2023\/11\/Capture-decran-le-2023-11-15-a-14.50.25.png?resize=598%2C400&amp;ssl=1 598w, https:\/\/i0.wp.com\/itayachtscanada.com\/wp-content\/uploads\/2023\/11\/Capture-decran-le-2023-11-15-a-14.50.25.png?w=1400&amp;ssl=1 1400w\" width=\"229\" height=\"153\" loading=\"lazy\" data-original-width=\"229\" data-original-height=\"153\" itemprop=\"http:\/\/schema.org\/image\" title=\"Capture d\u2019\u00e9cran, le 2023-11-15 \u00e0 14.50.25\" alt=\"Capture d\u2019\u00e9cran, le 2023-11-15 \u00e0 14.50.25\" style=\"width: 229px; height: 153px;\" \/> <\/a> <\/div> <\/div> <!-- close group --> <\/div> <!-- close row --> <div class=\"gallery-row\" style=\"width: 700px; height: 234px;\" data-original-width=\"700\" data-original-height=\"234\" > <div class=\"gallery-group images-1\" style=\"width: 348px; height: 234px;\" data-original-width=\"348\" data-original-height=\"234\" > <div class=\"tiled-gallery-item tiled-gallery-item-large\" itemprop=\"associatedMedia\" itemscope itemtype=\"http:\/\/schema.org\/ImageObject\"> <a href=\"https:\/\/itayachtscanada.com\/fr\/listing\/sunreef-60-sail-2020-3900000-usd-for-sale\/capture-decran-le-2023-11-15-a-14-48-02\/\" border=\"0\" itemprop=\"url\"> <meta itemprop=\"width\" content=\"344\"> <meta itemprop=\"height\" content=\"230\"> <img decoding=\"async\" class=\"\" data-attachment-id=\"141510\" data-orig-file=\"https:\/\/itayachtscanada.com\/wp-content\/uploads\/2023\/11\/Capture-decran-le-2023-11-15-a-14.48.02.png\" data-orig-size=\"1718,1150\" data-comments-opened=\"1\" data-image-meta=\"{&quot;aperture&quot;:&quot;0&quot;,&quot;credit&quot;:&quot;&quot;,&quot;camera&quot;:&quot;&quot;,&quot;caption&quot;:&quot;&quot;,&quot;created_timestamp&quot;:&quot;0&quot;,&quot;copyright&quot;:&quot;&quot;,&quot;focal_length&quot;:&quot;0&quot;,&quot;iso&quot;:&quot;0&quot;,&quot;shutter_speed&quot;:&quot;0&quot;,&quot;title&quot;:&quot;&quot;,&quot;orientation&quot;:&quot;0&quot;}\" data-image-title=\"Capture d\u2019\u00e9cran, le 2023-11-15 \u00e0 14.48.02\" data-image-description=\"\" data-medium-file=\"https:\/\/i0.wp.com\/itayachtscanada.com\/wp-content\/uploads\/2023\/11\/Capture-decran-le-2023-11-15-a-14.48.02.png?fit=300%2C201&#038;ssl=1\" data-large-file=\"https:\/\/i0.wp.com\/itayachtscanada.com\/wp-content\/uploads\/2023\/11\/Capture-decran-le-2023-11-15-a-14.48.02.png?fit=700%2C468&#038;ssl=1\" src=\"https:\/\/i0.wp.com\/itayachtscanada.com\/wp-content\/uploads\/2023\/11\/Capture-decran-le-2023-11-15-a-14.48.02.png?w=344&#038;h=230&#038;ssl=1\" srcset=\"https:\/\/i0.wp.com\/itayachtscanada.com\/wp-content\/uploads\/2023\/11\/Capture-decran-le-2023-11-15-a-14.48.02.png?w=1718&amp;ssl=1 1718w, https:\/\/i0.wp.com\/itayachtscanada.com\/wp-content\/uploads\/2023\/11\/Capture-decran-le-2023-11-15-a-14.48.02.png?resize=300%2C201&amp;ssl=1 300w, https:\/\/i0.wp.com\/itayachtscanada.com\/wp-content\/uploads\/2023\/11\/Capture-decran-le-2023-11-15-a-14.48.02.png?resize=1024%2C685&amp;ssl=1 1024w, https:\/\/i0.wp.com\/itayachtscanada.com\/wp-content\/uploads\/2023\/11\/Capture-decran-le-2023-11-15-a-14.48.02.png?resize=768%2C514&amp;ssl=1 768w, https:\/\/i0.wp.com\/itayachtscanada.com\/wp-content\/uploads\/2023\/11\/Capture-decran-le-2023-11-15-a-14.48.02.png?resize=1536%2C1028&amp;ssl=1 1536w, https:\/\/i0.wp.com\/itayachtscanada.com\/wp-content\/uploads\/2023\/11\/Capture-decran-le-2023-11-15-a-14.48.02.png?resize=1200%2C803&amp;ssl=1 1200w, https:\/\/i0.wp.com\/itayachtscanada.com\/wp-content\/uploads\/2023\/11\/Capture-decran-le-2023-11-15-a-14.48.02.png?resize=700%2C469&amp;ssl=1 700w, https:\/\/i0.wp.com\/itayachtscanada.com\/wp-content\/uploads\/2023\/11\/Capture-decran-le-2023-11-15-a-14.48.02.png?resize=900%2C600&amp;ssl=1 900w, https:\/\/i0.wp.com\/itayachtscanada.com\/wp-content\/uploads\/2023\/11\/Capture-decran-le-2023-11-15-a-14.48.02.png?resize=598%2C400&amp;ssl=1 598w, https:\/\/i0.wp.com\/itayachtscanada.com\/wp-content\/uploads\/2023\/11\/Capture-decran-le-2023-11-15-a-14.48.02.png?w=1400&amp;ssl=1 1400w\" width=\"344\" height=\"230\" loading=\"lazy\" data-original-width=\"344\" data-original-height=\"230\" itemprop=\"http:\/\/schema.org\/image\" title=\"Capture d\u2019\u00e9cran, le 2023-11-15 \u00e0 14.48.02\" alt=\"Capture d\u2019\u00e9cran, le 2023-11-15 \u00e0 14.48.02\" style=\"width: 344px; height: 230px;\" \/> <\/a> <\/div> <\/div> <!-- close group --> <div class=\"gallery-group images-1\" style=\"width: 352px; height: 234px;\" data-original-width=\"352\" data-original-height=\"234\" > <div class=\"tiled-gallery-item tiled-gallery-item-large\" itemprop=\"associatedMedia\" itemscope itemtype=\"http:\/\/schema.org\/ImageObject\"> <a href=\"https:\/\/itayachtscanada.com\/fr\/listing\/sunreef-60-sail-2020-3900000-usd-for-sale\/capture-decran-le-2023-11-15-a-14-32-45\/\" border=\"0\" itemprop=\"url\"> <meta itemprop=\"width\" content=\"348\"> <meta itemprop=\"height\" content=\"230\"> <img decoding=\"async\" class=\"\" data-attachment-id=\"141546\" data-orig-file=\"https:\/\/itayachtscanada.com\/wp-content\/uploads\/2023\/11\/Capture-decran-le-2023-11-15-a-14.32.45.png\" data-orig-size=\"1654,1092\" data-comments-opened=\"1\" data-image-meta=\"{&quot;aperture&quot;:&quot;0&quot;,&quot;credit&quot;:&quot;&quot;,&quot;camera&quot;:&quot;&quot;,&quot;caption&quot;:&quot;&quot;,&quot;created_timestamp&quot;:&quot;0&quot;,&quot;copyright&quot;:&quot;&quot;,&quot;focal_length&quot;:&quot;0&quot;,&quot;iso&quot;:&quot;0&quot;,&quot;shutter_speed&quot;:&quot;0&quot;,&quot;title&quot;:&quot;&quot;,&quot;orientation&quot;:&quot;0&quot;}\" data-image-title=\"Capture d\u2019\u00e9cran, le 2023-11-15 \u00e0 14.32.45\" data-image-description=\"\" data-medium-file=\"https:\/\/i0.wp.com\/itayachtscanada.com\/wp-content\/uploads\/2023\/11\/Capture-decran-le-2023-11-15-a-14.32.45.png?fit=300%2C198&#038;ssl=1\" data-large-file=\"https:\/\/i0.wp.com\/itayachtscanada.com\/wp-content\/uploads\/2023\/11\/Capture-decran-le-2023-11-15-a-14.32.45.png?fit=700%2C462&#038;ssl=1\" src=\"https:\/\/i0.wp.com\/itayachtscanada.com\/wp-content\/uploads\/2023\/11\/Capture-decran-le-2023-11-15-a-14.32.45.png?w=348&#038;h=230&#038;ssl=1\" srcset=\"https:\/\/i0.wp.com\/itayachtscanada.com\/wp-content\/uploads\/2023\/11\/Capture-decran-le-2023-11-15-a-14.32.45.png?w=1654&amp;ssl=1 1654w, https:\/\/i0.wp.com\/itayachtscanada.com\/wp-content\/uploads\/2023\/11\/Capture-decran-le-2023-11-15-a-14.32.45.png?resize=300%2C198&amp;ssl=1 300w, https:\/\/i0.wp.com\/itayachtscanada.com\/wp-content\/uploads\/2023\/11\/Capture-decran-le-2023-11-15-a-14.32.45.png?resize=1024%2C676&amp;ssl=1 1024w, https:\/\/i0.wp.com\/itayachtscanada.com\/wp-content\/uploads\/2023\/11\/Capture-decran-le-2023-11-15-a-14.32.45.png?resize=768%2C507&amp;ssl=1 768w, https:\/\/i0.wp.com\/itayachtscanada.com\/wp-content\/uploads\/2023\/11\/Capture-decran-le-2023-11-15-a-14.32.45.png?resize=1536%2C1014&amp;ssl=1 1536w, https:\/\/i0.wp.com\/itayachtscanada.com\/wp-content\/uploads\/2023\/11\/Capture-decran-le-2023-11-15-a-14.32.45.png?resize=1200%2C792&amp;ssl=1 1200w, https:\/\/i0.wp.com\/itayachtscanada.com\/wp-content\/uploads\/2023\/11\/Capture-decran-le-2023-11-15-a-14.32.45.png?resize=700%2C462&amp;ssl=1 700w, https:\/\/i0.wp.com\/itayachtscanada.com\/wp-content\/uploads\/2023\/11\/Capture-decran-le-2023-11-15-a-14.32.45.png?resize=606%2C400&amp;ssl=1 606w, https:\/\/i0.wp.com\/itayachtscanada.com\/wp-content\/uploads\/2023\/11\/Capture-decran-le-2023-11-15-a-14.32.45.png?w=1400&amp;ssl=1 1400w\" width=\"348\" height=\"230\" loading=\"lazy\" data-original-width=\"348\" data-original-height=\"230\" itemprop=\"http:\/\/schema.org\/image\" title=\"Capture d\u2019\u00e9cran, le 2023-11-15 \u00e0 14.32.45\" alt=\"Capture d\u2019\u00e9cran, le 2023-11-15 \u00e0 14.32.45\" style=\"width: 348px; height: 230px;\" \/> <\/a> <\/div> <\/div> <!-- close group --> <\/div> <!-- close row --> <div class=\"gallery-row\" style=\"width: 700px; height: 580px;\" data-original-width=\"700\" data-original-height=\"580\" > <div class=\"gallery-group images-3\" style=\"width: 288px; height: 580px;\" data-original-width=\"288\" data-original-height=\"580\" > <div class=\"tiled-gallery-item tiled-gallery-item-large\" itemprop=\"associatedMedia\" itemscope itemtype=\"http:\/\/schema.org\/ImageObject\"> <a href=\"https:\/\/itayachtscanada.com\/fr\/listing\/sunreef-60-sail-2020-3900000-usd-for-sale\/capture-decran-le-2023-11-15-a-14-34-36\/\" border=\"0\" itemprop=\"url\"> <meta itemprop=\"width\" content=\"284\"> <meta itemprop=\"height\" content=\"191\"> <img decoding=\"async\" class=\"\" data-attachment-id=\"141527\" data-orig-file=\"https:\/\/itayachtscanada.com\/wp-content\/uploads\/2023\/11\/Capture-decran-le-2023-11-15-a-14.34.36.png\" data-orig-size=\"1658,1112\" data-comments-opened=\"1\" data-image-meta=\"{&quot;aperture&quot;:&quot;0&quot;,&quot;credit&quot;:&quot;&quot;,&quot;camera&quot;:&quot;&quot;,&quot;caption&quot;:&quot;&quot;,&quot;created_timestamp&quot;:&quot;0&quot;,&quot;copyright&quot;:&quot;&quot;,&quot;focal_length&quot;:&quot;0&quot;,&quot;iso&quot;:&quot;0&quot;,&quot;shutter_speed&quot;:&quot;0&quot;,&quot;title&quot;:&quot;&quot;,&quot;orientation&quot;:&quot;0&quot;}\" data-image-title=\"Capture d\u2019\u00e9cran, le 2023-11-15 \u00e0 14.34.36\" data-image-description=\"\" data-medium-file=\"https:\/\/i0.wp.com\/itayachtscanada.com\/wp-content\/uploads\/2023\/11\/Capture-decran-le-2023-11-15-a-14.34.36.png?fit=300%2C201&#038;ssl=1\" data-large-file=\"https:\/\/i0.wp.com\/itayachtscanada.com\/wp-content\/uploads\/2023\/11\/Capture-decran-le-2023-11-15-a-14.34.36.png?fit=700%2C470&#038;ssl=1\" src=\"https:\/\/i0.wp.com\/itayachtscanada.com\/wp-content\/uploads\/2023\/11\/Capture-decran-le-2023-11-15-a-14.34.36.png?w=284&#038;h=191&#038;ssl=1\" srcset=\"https:\/\/i0.wp.com\/itayachtscanada.com\/wp-content\/uploads\/2023\/11\/Capture-decran-le-2023-11-15-a-14.34.36.png?w=1658&amp;ssl=1 1658w, https:\/\/i0.wp.com\/itayachtscanada.com\/wp-content\/uploads\/2023\/11\/Capture-decran-le-2023-11-15-a-14.34.36.png?resize=300%2C201&amp;ssl=1 300w, https:\/\/i0.wp.com\/itayachtscanada.com\/wp-content\/uploads\/2023\/11\/Capture-decran-le-2023-11-15-a-14.34.36.png?resize=1024%2C687&amp;ssl=1 1024w, https:\/\/i0.wp.com\/itayachtscanada.com\/wp-content\/uploads\/2023\/11\/Capture-decran-le-2023-11-15-a-14.34.36.png?resize=768%2C515&amp;ssl=1 768w, https:\/\/i0.wp.com\/itayachtscanada.com\/wp-content\/uploads\/2023\/11\/Capture-decran-le-2023-11-15-a-14.34.36.png?resize=1536%2C1030&amp;ssl=1 1536w, https:\/\/i0.wp.com\/itayachtscanada.com\/wp-content\/uploads\/2023\/11\/Capture-decran-le-2023-11-15-a-14.34.36.png?resize=1200%2C805&amp;ssl=1 1200w, https:\/\/i0.wp.com\/itayachtscanada.com\/wp-content\/uploads\/2023\/11\/Capture-decran-le-2023-11-15-a-14.34.36.png?resize=700%2C469&amp;ssl=1 700w, https:\/\/i0.wp.com\/itayachtscanada.com\/wp-content\/uploads\/2023\/11\/Capture-decran-le-2023-11-15-a-14.34.36.png?resize=596%2C400&amp;ssl=1 596w, https:\/\/i0.wp.com\/itayachtscanada.com\/wp-content\/uploads\/2023\/11\/Capture-decran-le-2023-11-15-a-14.34.36.png?w=1400&amp;ssl=1 1400w\" width=\"284\" height=\"191\" loading=\"lazy\" data-original-width=\"284\" data-original-height=\"191\" itemprop=\"http:\/\/schema.org\/image\" title=\"Capture d\u2019\u00e9cran, le 2023-11-15 \u00e0 14.34.36\" alt=\"Capture d\u2019\u00e9cran, le 2023-11-15 \u00e0 14.34.36\" style=\"width: 284px; height: 191px;\" \/> <\/a> <\/div> <div class=\"tiled-gallery-item tiled-gallery-item-large\" itemprop=\"associatedMedia\" itemscope itemtype=\"http:\/\/schema.org\/ImageObject\"> <a href=\"https:\/\/itayachtscanada.com\/fr\/listing\/sunreef-60-sail-2020-3900000-usd-for-sale\/capture-decran-le-2023-11-15-a-14-33-51\/\" border=\"0\" itemprop=\"url\"> <meta itemprop=\"width\" content=\"284\"> <meta itemprop=\"height\" content=\"187\"> <img decoding=\"async\" class=\"\" data-attachment-id=\"141535\" data-orig-file=\"https:\/\/itayachtscanada.com\/wp-content\/uploads\/2023\/11\/Capture-decran-le-2023-11-15-a-14.33.51.png\" data-orig-size=\"1686,1112\" data-comments-opened=\"1\" data-image-meta=\"{&quot;aperture&quot;:&quot;0&quot;,&quot;credit&quot;:&quot;&quot;,&quot;camera&quot;:&quot;&quot;,&quot;caption&quot;:&quot;&quot;,&quot;created_timestamp&quot;:&quot;0&quot;,&quot;copyright&quot;:&quot;&quot;,&quot;focal_length&quot;:&quot;0&quot;,&quot;iso&quot;:&quot;0&quot;,&quot;shutter_speed&quot;:&quot;0&quot;,&quot;title&quot;:&quot;&quot;,&quot;orientation&quot;:&quot;0&quot;}\" data-image-title=\"Capture d\u2019\u00e9cran, le 2023-11-15 \u00e0 14.33.51\" data-image-description=\"\" data-medium-file=\"https:\/\/i0.wp.com\/itayachtscanada.com\/wp-content\/uploads\/2023\/11\/Capture-decran-le-2023-11-15-a-14.33.51.png?fit=300%2C198&#038;ssl=1\" data-large-file=\"https:\/\/i0.wp.com\/itayachtscanada.com\/wp-content\/uploads\/2023\/11\/Capture-decran-le-2023-11-15-a-14.33.51.png?fit=700%2C461&#038;ssl=1\" src=\"https:\/\/i0.wp.com\/itayachtscanada.com\/wp-content\/uploads\/2023\/11\/Capture-decran-le-2023-11-15-a-14.33.51.png?w=284&#038;h=187&#038;ssl=1\" srcset=\"https:\/\/i0.wp.com\/itayachtscanada.com\/wp-content\/uploads\/2023\/11\/Capture-decran-le-2023-11-15-a-14.33.51.png?w=1686&amp;ssl=1 1686w, https:\/\/i0.wp.com\/itayachtscanada.com\/wp-content\/uploads\/2023\/11\/Capture-decran-le-2023-11-15-a-14.33.51.png?resize=300%2C198&amp;ssl=1 300w, https:\/\/i0.wp.com\/itayachtscanada.com\/wp-content\/uploads\/2023\/11\/Capture-decran-le-2023-11-15-a-14.33.51.png?resize=1024%2C675&amp;ssl=1 1024w, https:\/\/i0.wp.com\/itayachtscanada.com\/wp-content\/uploads\/2023\/11\/Capture-decran-le-2023-11-15-a-14.33.51.png?resize=768%2C507&amp;ssl=1 768w, https:\/\/i0.wp.com\/itayachtscanada.com\/wp-content\/uploads\/2023\/11\/Capture-decran-le-2023-11-15-a-14.33.51.png?resize=1536%2C1013&amp;ssl=1 1536w, https:\/\/i0.wp.com\/itayachtscanada.com\/wp-content\/uploads\/2023\/11\/Capture-decran-le-2023-11-15-a-14.33.51.png?resize=1200%2C791&amp;ssl=1 1200w, https:\/\/i0.wp.com\/itayachtscanada.com\/wp-content\/uploads\/2023\/11\/Capture-decran-le-2023-11-15-a-14.33.51.png?resize=700%2C462&amp;ssl=1 700w, https:\/\/i0.wp.com\/itayachtscanada.com\/wp-content\/uploads\/2023\/11\/Capture-decran-le-2023-11-15-a-14.33.51.png?resize=606%2C400&amp;ssl=1 606w, https:\/\/i0.wp.com\/itayachtscanada.com\/wp-content\/uploads\/2023\/11\/Capture-decran-le-2023-11-15-a-14.33.51.png?w=1400&amp;ssl=1 1400w\" width=\"284\" height=\"187\" loading=\"lazy\" data-original-width=\"284\" data-original-height=\"187\" itemprop=\"http:\/\/schema.org\/image\" title=\"Capture d\u2019\u00e9cran, le 2023-11-15 \u00e0 14.33.51\" alt=\"Capture d\u2019\u00e9cran, le 2023-11-15 \u00e0 14.33.51\" style=\"width: 284px; height: 187px;\" \/> <\/a> <\/div> <div class=\"tiled-gallery-item tiled-gallery-item-large\" itemprop=\"associatedMedia\" itemscope itemtype=\"http:\/\/schema.org\/ImageObject\"> <a href=\"https:\/\/itayachtscanada.com\/fr\/listing\/sunreef-60-sail-2020-3900000-usd-for-sale\/capture-decran-le-2023-11-15-a-14-47-46\/\" border=\"0\" itemprop=\"url\"> <meta itemprop=\"width\" content=\"284\"> <meta itemprop=\"height\" content=\"190\"> <img decoding=\"async\" class=\"\" data-attachment-id=\"141513\" data-orig-file=\"https:\/\/itayachtscanada.com\/wp-content\/uploads\/2023\/11\/Capture-decran-le-2023-11-15-a-14.47.46.png\" data-orig-size=\"1718,1150\" data-comments-opened=\"1\" data-image-meta=\"{&quot;aperture&quot;:&quot;0&quot;,&quot;credit&quot;:&quot;&quot;,&quot;camera&quot;:&quot;&quot;,&quot;caption&quot;:&quot;&quot;,&quot;created_timestamp&quot;:&quot;0&quot;,&quot;copyright&quot;:&quot;&quot;,&quot;focal_length&quot;:&quot;0&quot;,&quot;iso&quot;:&quot;0&quot;,&quot;shutter_speed&quot;:&quot;0&quot;,&quot;title&quot;:&quot;&quot;,&quot;orientation&quot;:&quot;0&quot;}\" data-image-title=\"Capture d\u2019\u00e9cran, le 2023-11-15 \u00e0 14.47.46\" data-image-description=\"\" data-medium-file=\"https:\/\/i0.wp.com\/itayachtscanada.com\/wp-content\/uploads\/2023\/11\/Capture-decran-le-2023-11-15-a-14.47.46.png?fit=300%2C201&#038;ssl=1\" data-large-file=\"https:\/\/i0.wp.com\/itayachtscanada.com\/wp-content\/uploads\/2023\/11\/Capture-decran-le-2023-11-15-a-14.47.46.png?fit=700%2C468&#038;ssl=1\" src=\"https:\/\/i0.wp.com\/itayachtscanada.com\/wp-content\/uploads\/2023\/11\/Capture-decran-le-2023-11-15-a-14.47.46.png?w=284&#038;h=190&#038;ssl=1\" srcset=\"https:\/\/i0.wp.com\/itayachtscanada.com\/wp-content\/uploads\/2023\/11\/Capture-decran-le-2023-11-15-a-14.47.46.png?w=1718&amp;ssl=1 1718w, https:\/\/i0.wp.com\/itayachtscanada.com\/wp-content\/uploads\/2023\/11\/Capture-decran-le-2023-11-15-a-14.47.46.png?resize=300%2C201&amp;ssl=1 300w, https:\/\/i0.wp.com\/itayachtscanada.com\/wp-content\/uploads\/2023\/11\/Capture-decran-le-2023-11-15-a-14.47.46.png?resize=1024%2C685&amp;ssl=1 1024w, https:\/\/i0.wp.com\/itayachtscanada.com\/wp-content\/uploads\/2023\/11\/Capture-decran-le-2023-11-15-a-14.47.46.png?resize=768%2C514&amp;ssl=1 768w, https:\/\/i0.wp.com\/itayachtscanada.com\/wp-content\/uploads\/2023\/11\/Capture-decran-le-2023-11-15-a-14.47.46.png?resize=1536%2C1028&amp;ssl=1 1536w, https:\/\/i0.wp.com\/itayachtscanada.com\/wp-content\/uploads\/2023\/11\/Capture-decran-le-2023-11-15-a-14.47.46.png?resize=1200%2C803&amp;ssl=1 1200w, https:\/\/i0.wp.com\/itayachtscanada.com\/wp-content\/uploads\/2023\/11\/Capture-decran-le-2023-11-15-a-14.47.46.png?resize=700%2C469&amp;ssl=1 700w, https:\/\/i0.wp.com\/itayachtscanada.com\/wp-content\/uploads\/2023\/11\/Capture-decran-le-2023-11-15-a-14.47.46.png?resize=900%2C600&amp;ssl=1 900w, https:\/\/i0.wp.com\/itayachtscanada.com\/wp-content\/uploads\/2023\/11\/Capture-decran-le-2023-11-15-a-14.47.46.png?resize=598%2C400&amp;ssl=1 598w, https:\/\/i0.wp.com\/itayachtscanada.com\/wp-content\/uploads\/2023\/11\/Capture-decran-le-2023-11-15-a-14.47.46.png?w=1400&amp;ssl=1 1400w\" width=\"284\" height=\"190\" loading=\"lazy\" data-original-width=\"284\" data-original-height=\"190\" itemprop=\"http:\/\/schema.org\/image\" title=\"Capture d\u2019\u00e9cran, le 2023-11-15 \u00e0 14.47.46\" alt=\"Capture d\u2019\u00e9cran, le 2023-11-15 \u00e0 14.47.46\" style=\"width: 284px; height: 190px;\" \/> <\/a> <\/div> <\/div> <!-- close group --> <div class=\"gallery-group images-1\" style=\"width: 412px; height: 580px;\" data-original-width=\"412\" data-original-height=\"580\" > <div class=\"tiled-gallery-item tiled-gallery-item-large\" itemprop=\"associatedMedia\" itemscope itemtype=\"http:\/\/schema.org\/ImageObject\"> <a href=\"https:\/\/itayachtscanada.com\/fr\/listing\/sunreef-60-sail-2020-3900000-usd-for-sale\/capture-decran-le-2023-11-15-a-14-33-08\/\" border=\"0\" itemprop=\"url\"> <meta itemprop=\"width\" content=\"408\"> <meta itemprop=\"height\" content=\"576\"> <img decoding=\"async\" class=\"\" data-attachment-id=\"141541\" data-orig-file=\"https:\/\/itayachtscanada.com\/wp-content\/uploads\/2023\/11\/Capture-decran-le-2023-11-15-a-14.33.08.png\" data-orig-size=\"788,1112\" data-comments-opened=\"1\" data-image-meta=\"{&quot;aperture&quot;:&quot;0&quot;,&quot;credit&quot;:&quot;&quot;,&quot;camera&quot;:&quot;&quot;,&quot;caption&quot;:&quot;&quot;,&quot;created_timestamp&quot;:&quot;0&quot;,&quot;copyright&quot;:&quot;&quot;,&quot;focal_length&quot;:&quot;0&quot;,&quot;iso&quot;:&quot;0&quot;,&quot;shutter_speed&quot;:&quot;0&quot;,&quot;title&quot;:&quot;&quot;,&quot;orientation&quot;:&quot;0&quot;}\" data-image-title=\"Capture d\u2019\u00e9cran, le 2023-11-15 \u00e0 14.33.08\" data-image-description=\"\" data-medium-file=\"https:\/\/i0.wp.com\/itayachtscanada.com\/wp-content\/uploads\/2023\/11\/Capture-decran-le-2023-11-15-a-14.33.08.png?fit=213%2C300&#038;ssl=1\" data-large-file=\"https:\/\/i0.wp.com\/itayachtscanada.com\/wp-content\/uploads\/2023\/11\/Capture-decran-le-2023-11-15-a-14.33.08.png?fit=700%2C987&#038;ssl=1\" src=\"https:\/\/i0.wp.com\/itayachtscanada.com\/wp-content\/uploads\/2023\/11\/Capture-decran-le-2023-11-15-a-14.33.08.png?w=408&#038;h=576&#038;ssl=1\" srcset=\"https:\/\/i0.wp.com\/itayachtscanada.com\/wp-content\/uploads\/2023\/11\/Capture-decran-le-2023-11-15-a-14.33.08.png?w=788&amp;ssl=1 788w, https:\/\/i0.wp.com\/itayachtscanada.com\/wp-content\/uploads\/2023\/11\/Capture-decran-le-2023-11-15-a-14.33.08.png?resize=213%2C300&amp;ssl=1 213w, https:\/\/i0.wp.com\/itayachtscanada.com\/wp-content\/uploads\/2023\/11\/Capture-decran-le-2023-11-15-a-14.33.08.png?resize=726%2C1024&amp;ssl=1 726w, https:\/\/i0.wp.com\/itayachtscanada.com\/wp-content\/uploads\/2023\/11\/Capture-decran-le-2023-11-15-a-14.33.08.png?resize=768%2C1084&amp;ssl=1 768w, https:\/\/i0.wp.com\/itayachtscanada.com\/wp-content\/uploads\/2023\/11\/Capture-decran-le-2023-11-15-a-14.33.08.png?resize=700%2C988&amp;ssl=1 700w, https:\/\/i0.wp.com\/itayachtscanada.com\/wp-content\/uploads\/2023\/11\/Capture-decran-le-2023-11-15-a-14.33.08.png?resize=283%2C400&amp;ssl=1 283w\" width=\"408\" height=\"576\" loading=\"lazy\" data-original-width=\"408\" data-original-height=\"576\" itemprop=\"http:\/\/schema.org\/image\" title=\"Capture d\u2019\u00e9cran, le 2023-11-15 \u00e0 14.33.08\" alt=\"Capture d\u2019\u00e9cran, le 2023-11-15 \u00e0 14.33.08\" style=\"width: 408px; height: 576px;\" \/> <\/a> <\/div> <\/div> <!-- close group --> <\/div> <!-- close row --> <div class=\"gallery-row\" style=\"width: 700px; height: 318px;\" data-original-width=\"700\" data-original-height=\"318\" > <div class=\"gallery-group images-1\" style=\"width: 227px; height: 318px;\" data-original-width=\"227\" data-original-height=\"318\" > <div class=\"tiled-gallery-item tiled-gallery-item-small\" itemprop=\"associatedMedia\" itemscope itemtype=\"http:\/\/schema.org\/ImageObject\"> <a href=\"https:\/\/itayachtscanada.com\/fr\/listing\/sunreef-60-sail-2020-3900000-usd-for-sale\/capture-decran-le-2023-11-15-a-14-33-11\/\" border=\"0\" itemprop=\"url\"> <meta itemprop=\"width\" content=\"223\"> <meta itemprop=\"height\" content=\"314\"> <img decoding=\"async\" class=\"\" data-attachment-id=\"141540\" data-orig-file=\"https:\/\/itayachtscanada.com\/wp-content\/uploads\/2023\/11\/Capture-decran-le-2023-11-15-a-14.33.11.png\" data-orig-size=\"788,1112\" data-comments-opened=\"1\" data-image-meta=\"{&quot;aperture&quot;:&quot;0&quot;,&quot;credit&quot;:&quot;&quot;,&quot;camera&quot;:&quot;&quot;,&quot;caption&quot;:&quot;&quot;,&quot;created_timestamp&quot;:&quot;0&quot;,&quot;copyright&quot;:&quot;&quot;,&quot;focal_length&quot;:&quot;0&quot;,&quot;iso&quot;:&quot;0&quot;,&quot;shutter_speed&quot;:&quot;0&quot;,&quot;title&quot;:&quot;&quot;,&quot;orientation&quot;:&quot;0&quot;}\" data-image-title=\"Capture d\u2019\u00e9cran, le 2023-11-15 \u00e0 14.33.11\" data-image-description=\"\" data-medium-file=\"https:\/\/i0.wp.com\/itayachtscanada.com\/wp-content\/uploads\/2023\/11\/Capture-decran-le-2023-11-15-a-14.33.11.png?fit=213%2C300&#038;ssl=1\" data-large-file=\"https:\/\/i0.wp.com\/itayachtscanada.com\/wp-content\/uploads\/2023\/11\/Capture-decran-le-2023-11-15-a-14.33.11.png?fit=700%2C987&#038;ssl=1\" src=\"https:\/\/i0.wp.com\/itayachtscanada.com\/wp-content\/uploads\/2023\/11\/Capture-decran-le-2023-11-15-a-14.33.11.png?w=223&#038;h=314&#038;ssl=1\" srcset=\"https:\/\/i0.wp.com\/itayachtscanada.com\/wp-content\/uploads\/2023\/11\/Capture-decran-le-2023-11-15-a-14.33.11.png?w=788&amp;ssl=1 788w, https:\/\/i0.wp.com\/itayachtscanada.com\/wp-content\/uploads\/2023\/11\/Capture-decran-le-2023-11-15-a-14.33.11.png?resize=213%2C300&amp;ssl=1 213w, https:\/\/i0.wp.com\/itayachtscanada.com\/wp-content\/uploads\/2023\/11\/Capture-decran-le-2023-11-15-a-14.33.11.png?resize=726%2C1024&amp;ssl=1 726w, https:\/\/i0.wp.com\/itayachtscanada.com\/wp-content\/uploads\/2023\/11\/Capture-decran-le-2023-11-15-a-14.33.11.png?resize=768%2C1084&amp;ssl=1 768w, https:\/\/i0.wp.com\/itayachtscanada.com\/wp-content\/uploads\/2023\/11\/Capture-decran-le-2023-11-15-a-14.33.11.png?resize=700%2C988&amp;ssl=1 700w, https:\/\/i0.wp.com\/itayachtscanada.com\/wp-content\/uploads\/2023\/11\/Capture-decran-le-2023-11-15-a-14.33.11.png?resize=283%2C400&amp;ssl=1 283w\" width=\"223\" height=\"314\" loading=\"lazy\" data-original-width=\"223\" data-original-height=\"314\" itemprop=\"http:\/\/schema.org\/image\" title=\"Capture d\u2019\u00e9cran, le 2023-11-15 \u00e0 14.33.11\" alt=\"Capture d\u2019\u00e9cran, le 2023-11-15 \u00e0 14.33.11\" style=\"width: 223px; height: 314px;\" \/> <\/a> <\/div> <\/div> <!-- close group --> <div class=\"gallery-group images-1\" style=\"width: 473px; height: 318px;\" data-original-width=\"473\" data-original-height=\"318\" > <div class=\"tiled-gallery-item tiled-gallery-item-large\" itemprop=\"associatedMedia\" itemscope itemtype=\"http:\/\/schema.org\/ImageObject\"> <a href=\"https:\/\/itayachtscanada.com\/fr\/listing\/sunreef-60-sail-2020-3900000-usd-for-sale\/capture-decran-le-2023-11-15-a-14-47-52\/\" border=\"0\" itemprop=\"url\"> <meta itemprop=\"width\" content=\"469\"> <meta itemprop=\"height\" content=\"314\"> <img decoding=\"async\" class=\"\" data-attachment-id=\"141512\" data-orig-file=\"https:\/\/itayachtscanada.com\/wp-content\/uploads\/2023\/11\/Capture-decran-le-2023-11-15-a-14.47.52.png\" data-orig-size=\"1718,1150\" data-comments-opened=\"1\" data-image-meta=\"{&quot;aperture&quot;:&quot;0&quot;,&quot;credit&quot;:&quot;&quot;,&quot;camera&quot;:&quot;&quot;,&quot;caption&quot;:&quot;&quot;,&quot;created_timestamp&quot;:&quot;0&quot;,&quot;copyright&quot;:&quot;&quot;,&quot;focal_length&quot;:&quot;0&quot;,&quot;iso&quot;:&quot;0&quot;,&quot;shutter_speed&quot;:&quot;0&quot;,&quot;title&quot;:&quot;&quot;,&quot;orientation&quot;:&quot;0&quot;}\" data-image-title=\"Capture d\u2019\u00e9cran, le 2023-11-15 \u00e0 14.47.52\" data-image-description=\"\" data-medium-file=\"https:\/\/i0.wp.com\/itayachtscanada.com\/wp-content\/uploads\/2023\/11\/Capture-decran-le-2023-11-15-a-14.47.52.png?fit=300%2C201&#038;ssl=1\" data-large-file=\"https:\/\/i0.wp.com\/itayachtscanada.com\/wp-content\/uploads\/2023\/11\/Capture-decran-le-2023-11-15-a-14.47.52.png?fit=700%2C468&#038;ssl=1\" src=\"https:\/\/i0.wp.com\/itayachtscanada.com\/wp-content\/uploads\/2023\/11\/Capture-decran-le-2023-11-15-a-14.47.52.png?w=469&#038;h=314&#038;ssl=1\" srcset=\"https:\/\/i0.wp.com\/itayachtscanada.com\/wp-content\/uploads\/2023\/11\/Capture-decran-le-2023-11-15-a-14.47.52.png?w=1718&amp;ssl=1 1718w, https:\/\/i0.wp.com\/itayachtscanada.com\/wp-content\/uploads\/2023\/11\/Capture-decran-le-2023-11-15-a-14.47.52.png?resize=300%2C201&amp;ssl=1 300w, https:\/\/i0.wp.com\/itayachtscanada.com\/wp-content\/uploads\/2023\/11\/Capture-decran-le-2023-11-15-a-14.47.52.png?resize=1024%2C685&amp;ssl=1 1024w, https:\/\/i0.wp.com\/itayachtscanada.com\/wp-content\/uploads\/2023\/11\/Capture-decran-le-2023-11-15-a-14.47.52.png?resize=768%2C514&amp;ssl=1 768w, https:\/\/i0.wp.com\/itayachtscanada.com\/wp-content\/uploads\/2023\/11\/Capture-decran-le-2023-11-15-a-14.47.52.png?resize=1536%2C1028&amp;ssl=1 1536w, https:\/\/i0.wp.com\/itayachtscanada.com\/wp-content\/uploads\/2023\/11\/Capture-decran-le-2023-11-15-a-14.47.52.png?resize=1200%2C803&amp;ssl=1 1200w, https:\/\/i0.wp.com\/itayachtscanada.com\/wp-content\/uploads\/2023\/11\/Capture-decran-le-2023-11-15-a-14.47.52.png?resize=700%2C469&amp;ssl=1 700w, https:\/\/i0.wp.com\/itayachtscanada.com\/wp-content\/uploads\/2023\/11\/Capture-decran-le-2023-11-15-a-14.47.52.png?resize=900%2C600&amp;ssl=1 900w, https:\/\/i0.wp.com\/itayachtscanada.com\/wp-content\/uploads\/2023\/11\/Capture-decran-le-2023-11-15-a-14.47.52.png?resize=598%2C400&amp;ssl=1 598w, https:\/\/i0.wp.com\/itayachtscanada.com\/wp-content\/uploads\/2023\/11\/Capture-decran-le-2023-11-15-a-14.47.52.png?w=1400&amp;ssl=1 1400w\" width=\"469\" height=\"314\" loading=\"lazy\" data-original-width=\"469\" data-original-height=\"314\" itemprop=\"http:\/\/schema.org\/image\" title=\"Capture d\u2019\u00e9cran, le 2023-11-15 \u00e0 14.47.52\" alt=\"Capture d\u2019\u00e9cran, le 2023-11-15 \u00e0 14.47.52\" style=\"width: 469px; height: 314px;\" \/> <\/a> <\/div> <\/div> <!-- close group --> <\/div> <!-- close row --> <div class=\"gallery-row\" style=\"width: 700px; height: 599px;\" data-original-width=\"700\" data-original-height=\"599\" > <div class=\"gallery-group images-1\" style=\"width: 402px; height: 599px;\" data-original-width=\"402\" data-original-height=\"599\" > <div class=\"tiled-gallery-item tiled-gallery-item-large\" itemprop=\"associatedMedia\" itemscope itemtype=\"http:\/\/schema.org\/ImageObject\"> <a href=\"https:\/\/itayachtscanada.com\/fr\/listing\/sunreef-60-sail-2020-3900000-usd-for-sale\/capture-decran-le-2023-11-15-a-14-33-32\/\" border=\"0\" itemprop=\"url\"> <meta itemprop=\"width\" content=\"398\"> <meta itemprop=\"height\" content=\"595\"> <img decoding=\"async\" class=\"\" data-attachment-id=\"141537\" data-orig-file=\"https:\/\/itayachtscanada.com\/wp-content\/uploads\/2023\/11\/Capture-decran-le-2023-11-15-a-14.33.32.png\" data-orig-size=\"744,1112\" data-comments-opened=\"1\" data-image-meta=\"{&quot;aperture&quot;:&quot;0&quot;,&quot;credit&quot;:&quot;&quot;,&quot;camera&quot;:&quot;&quot;,&quot;caption&quot;:&quot;&quot;,&quot;created_timestamp&quot;:&quot;0&quot;,&quot;copyright&quot;:&quot;&quot;,&quot;focal_length&quot;:&quot;0&quot;,&quot;iso&quot;:&quot;0&quot;,&quot;shutter_speed&quot;:&quot;0&quot;,&quot;title&quot;:&quot;&quot;,&quot;orientation&quot;:&quot;0&quot;}\" data-image-title=\"Capture d\u2019\u00e9cran, le 2023-11-15 \u00e0 14.33.32\" data-image-description=\"\" data-medium-file=\"https:\/\/i0.wp.com\/itayachtscanada.com\/wp-content\/uploads\/2023\/11\/Capture-decran-le-2023-11-15-a-14.33.32.png?fit=201%2C300&#038;ssl=1\" data-large-file=\"https:\/\/i0.wp.com\/itayachtscanada.com\/wp-content\/uploads\/2023\/11\/Capture-decran-le-2023-11-15-a-14.33.32.png?fit=685%2C1024&#038;ssl=1\" src=\"https:\/\/i0.wp.com\/itayachtscanada.com\/wp-content\/uploads\/2023\/11\/Capture-decran-le-2023-11-15-a-14.33.32.png?w=398&#038;h=595&#038;ssl=1\" srcset=\"https:\/\/i0.wp.com\/itayachtscanada.com\/wp-content\/uploads\/2023\/11\/Capture-decran-le-2023-11-15-a-14.33.32.png?w=744&amp;ssl=1 744w, https:\/\/i0.wp.com\/itayachtscanada.com\/wp-content\/uploads\/2023\/11\/Capture-decran-le-2023-11-15-a-14.33.32.png?resize=201%2C300&amp;ssl=1 201w, https:\/\/i0.wp.com\/itayachtscanada.com\/wp-content\/uploads\/2023\/11\/Capture-decran-le-2023-11-15-a-14.33.32.png?resize=685%2C1024&amp;ssl=1 685w, https:\/\/i0.wp.com\/itayachtscanada.com\/wp-content\/uploads\/2023\/11\/Capture-decran-le-2023-11-15-a-14.33.32.png?resize=700%2C1046&amp;ssl=1 700w, https:\/\/i0.wp.com\/itayachtscanada.com\/wp-content\/uploads\/2023\/11\/Capture-decran-le-2023-11-15-a-14.33.32.png?resize=268%2C400&amp;ssl=1 268w\" width=\"398\" height=\"595\" loading=\"lazy\" data-original-width=\"398\" data-original-height=\"595\" itemprop=\"http:\/\/schema.org\/image\" title=\"Capture d\u2019\u00e9cran, le 2023-11-15 \u00e0 14.33.32\" alt=\"Capture d\u2019\u00e9cran, le 2023-11-15 \u00e0 14.33.32\" style=\"width: 398px; height: 595px;\" \/> <\/a> <\/div> <\/div> <!-- close group --> <div class=\"gallery-group images-3\" style=\"width: 298px; height: 599px;\" data-original-width=\"298\" data-original-height=\"599\" > <div class=\"tiled-gallery-item tiled-gallery-item-large\" itemprop=\"associatedMedia\" itemscope itemtype=\"http:\/\/schema.org\/ImageObject\"> <a href=\"https:\/\/itayachtscanada.com\/fr\/listing\/sunreef-60-sail-2020-3900000-usd-for-sale\/capture-decran-le-2023-11-15-a-14-33-41\/\" border=\"0\" itemprop=\"url\"> <meta itemprop=\"width\" content=\"294\"> <meta itemprop=\"height\" content=\"197\"> <img decoding=\"async\" class=\"\" data-attachment-id=\"141536\" data-orig-file=\"https:\/\/itayachtscanada.com\/wp-content\/uploads\/2023\/11\/Capture-decran-le-2023-11-15-a-14.33.41.png\" data-orig-size=\"1658,1112\" data-comments-opened=\"1\" data-image-meta=\"{&quot;aperture&quot;:&quot;0&quot;,&quot;credit&quot;:&quot;&quot;,&quot;camera&quot;:&quot;&quot;,&quot;caption&quot;:&quot;&quot;,&quot;created_timestamp&quot;:&quot;0&quot;,&quot;copyright&quot;:&quot;&quot;,&quot;focal_length&quot;:&quot;0&quot;,&quot;iso&quot;:&quot;0&quot;,&quot;shutter_speed&quot;:&quot;0&quot;,&quot;title&quot;:&quot;&quot;,&quot;orientation&quot;:&quot;0&quot;}\" data-image-title=\"Capture d\u2019\u00e9cran, le 2023-11-15 \u00e0 14.33.41\" data-image-description=\"\" data-medium-file=\"https:\/\/i0.wp.com\/itayachtscanada.com\/wp-content\/uploads\/2023\/11\/Capture-decran-le-2023-11-15-a-14.33.41.png?fit=300%2C201&#038;ssl=1\" data-large-file=\"https:\/\/i0.wp.com\/itayachtscanada.com\/wp-content\/uploads\/2023\/11\/Capture-decran-le-2023-11-15-a-14.33.41.png?fit=700%2C470&#038;ssl=1\" src=\"https:\/\/i0.wp.com\/itayachtscanada.com\/wp-content\/uploads\/2023\/11\/Capture-decran-le-2023-11-15-a-14.33.41.png?w=294&#038;h=197&#038;ssl=1\" srcset=\"https:\/\/i0.wp.com\/itayachtscanada.com\/wp-content\/uploads\/2023\/11\/Capture-decran-le-2023-11-15-a-14.33.41.png?w=1658&amp;ssl=1 1658w, https:\/\/i0.wp.com\/itayachtscanada.com\/wp-content\/uploads\/2023\/11\/Capture-decran-le-2023-11-15-a-14.33.41.png?resize=300%2C201&amp;ssl=1 300w, https:\/\/i0.wp.com\/itayachtscanada.com\/wp-content\/uploads\/2023\/11\/Capture-decran-le-2023-11-15-a-14.33.41.png?resize=1024%2C687&amp;ssl=1 1024w, https:\/\/i0.wp.com\/itayachtscanada.com\/wp-content\/uploads\/2023\/11\/Capture-decran-le-2023-11-15-a-14.33.41.png?resize=768%2C515&amp;ssl=1 768w, https:\/\/i0.wp.com\/itayachtscanada.com\/wp-content\/uploads\/2023\/11\/Capture-decran-le-2023-11-15-a-14.33.41.png?resize=1536%2C1030&amp;ssl=1 1536w, https:\/\/i0.wp.com\/itayachtscanada.com\/wp-content\/uploads\/2023\/11\/Capture-decran-le-2023-11-15-a-14.33.41.png?resize=1200%2C805&amp;ssl=1 1200w, https:\/\/i0.wp.com\/itayachtscanada.com\/wp-content\/uploads\/2023\/11\/Capture-decran-le-2023-11-15-a-14.33.41.png?resize=700%2C469&amp;ssl=1 700w, https:\/\/i0.wp.com\/itayachtscanada.com\/wp-content\/uploads\/2023\/11\/Capture-decran-le-2023-11-15-a-14.33.41.png?resize=900%2C600&amp;ssl=1 900w, https:\/\/i0.wp.com\/itayachtscanada.com\/wp-content\/uploads\/2023\/11\/Capture-decran-le-2023-11-15-a-14.33.41.png?resize=596%2C400&amp;ssl=1 596w, https:\/\/i0.wp.com\/itayachtscanada.com\/wp-content\/uploads\/2023\/11\/Capture-decran-le-2023-11-15-a-14.33.41.png?w=1400&amp;ssl=1 1400w\" width=\"294\" height=\"197\" loading=\"lazy\" data-original-width=\"294\" data-original-height=\"197\" itemprop=\"http:\/\/schema.org\/image\" title=\"Capture d\u2019\u00e9cran, le 2023-11-15 \u00e0 14.33.41\" alt=\"Capture d\u2019\u00e9cran, le 2023-11-15 \u00e0 14.33.41\" style=\"width: 294px; height: 197px;\" \/> <\/a> <\/div> <div class=\"tiled-gallery-item tiled-gallery-item-large\" itemprop=\"associatedMedia\" itemscope itemtype=\"http:\/\/schema.org\/ImageObject\"> <a href=\"https:\/\/itayachtscanada.com\/fr\/listing\/sunreef-60-sail-2020-3900000-usd-for-sale\/capture-decran-le-2023-11-15-a-14-33-19\/\" border=\"0\" itemprop=\"url\"> <meta itemprop=\"width\" content=\"294\"> <meta itemprop=\"height\" content=\"195\"> <img decoding=\"async\" class=\"\" data-attachment-id=\"141539\" data-orig-file=\"https:\/\/itayachtscanada.com\/wp-content\/uploads\/2023\/11\/Capture-decran-le-2023-11-15-a-14.33.19.png\" data-orig-size=\"1676,1112\" data-comments-opened=\"1\" data-image-meta=\"{&quot;aperture&quot;:&quot;0&quot;,&quot;credit&quot;:&quot;&quot;,&quot;camera&quot;:&quot;&quot;,&quot;caption&quot;:&quot;&quot;,&quot;created_timestamp&quot;:&quot;0&quot;,&quot;copyright&quot;:&quot;&quot;,&quot;focal_length&quot;:&quot;0&quot;,&quot;iso&quot;:&quot;0&quot;,&quot;shutter_speed&quot;:&quot;0&quot;,&quot;title&quot;:&quot;&quot;,&quot;orientation&quot;:&quot;0&quot;}\" data-image-title=\"Capture d\u2019\u00e9cran, le 2023-11-15 \u00e0 14.33.19\" data-image-description=\"\" data-medium-file=\"https:\/\/i0.wp.com\/itayachtscanada.com\/wp-content\/uploads\/2023\/11\/Capture-decran-le-2023-11-15-a-14.33.19.png?fit=300%2C199&#038;ssl=1\" data-large-file=\"https:\/\/i0.wp.com\/itayachtscanada.com\/wp-content\/uploads\/2023\/11\/Capture-decran-le-2023-11-15-a-14.33.19.png?fit=700%2C464&#038;ssl=1\" src=\"https:\/\/i0.wp.com\/itayachtscanada.com\/wp-content\/uploads\/2023\/11\/Capture-decran-le-2023-11-15-a-14.33.19.png?w=294&#038;h=195&#038;ssl=1\" srcset=\"https:\/\/i0.wp.com\/itayachtscanada.com\/wp-content\/uploads\/2023\/11\/Capture-decran-le-2023-11-15-a-14.33.19.png?w=1676&amp;ssl=1 1676w, https:\/\/i0.wp.com\/itayachtscanada.com\/wp-content\/uploads\/2023\/11\/Capture-decran-le-2023-11-15-a-14.33.19.png?resize=300%2C199&amp;ssl=1 300w, https:\/\/i0.wp.com\/itayachtscanada.com\/wp-content\/uploads\/2023\/11\/Capture-decran-le-2023-11-15-a-14.33.19.png?resize=1024%2C679&amp;ssl=1 1024w, https:\/\/i0.wp.com\/itayachtscanada.com\/wp-content\/uploads\/2023\/11\/Capture-decran-le-2023-11-15-a-14.33.19.png?resize=768%2C510&amp;ssl=1 768w, https:\/\/i0.wp.com\/itayachtscanada.com\/wp-content\/uploads\/2023\/11\/Capture-decran-le-2023-11-15-a-14.33.19.png?resize=1536%2C1019&amp;ssl=1 1536w, https:\/\/i0.wp.com\/itayachtscanada.com\/wp-content\/uploads\/2023\/11\/Capture-decran-le-2023-11-15-a-14.33.19.png?resize=1200%2C796&amp;ssl=1 1200w, https:\/\/i0.wp.com\/itayachtscanada.com\/wp-content\/uploads\/2023\/11\/Capture-decran-le-2023-11-15-a-14.33.19.png?resize=700%2C464&amp;ssl=1 700w, https:\/\/i0.wp.com\/itayachtscanada.com\/wp-content\/uploads\/2023\/11\/Capture-decran-le-2023-11-15-a-14.33.19.png?resize=900%2C600&amp;ssl=1 900w, https:\/\/i0.wp.com\/itayachtscanada.com\/wp-content\/uploads\/2023\/11\/Capture-decran-le-2023-11-15-a-14.33.19.png?resize=603%2C400&amp;ssl=1 603w, https:\/\/i0.wp.com\/itayachtscanada.com\/wp-content\/uploads\/2023\/11\/Capture-decran-le-2023-11-15-a-14.33.19.png?w=1400&amp;ssl=1 1400w\" width=\"294\" height=\"195\" loading=\"lazy\" data-original-width=\"294\" data-original-height=\"195\" itemprop=\"http:\/\/schema.org\/image\" title=\"Capture d\u2019\u00e9cran, le 2023-11-15 \u00e0 14.33.19\" alt=\"Capture d\u2019\u00e9cran, le 2023-11-15 \u00e0 14.33.19\" style=\"width: 294px; height: 195px;\" \/> <\/a> <\/div> <div class=\"tiled-gallery-item tiled-gallery-item-large\" itemprop=\"associatedMedia\" itemscope itemtype=\"http:\/\/schema.org\/ImageObject\"> <a href=\"https:\/\/itayachtscanada.com\/fr\/listing\/sunreef-60-sail-2020-3900000-usd-for-sale\/capture-decran-le-2023-11-15-a-14-33-24\/\" border=\"0\" itemprop=\"url\"> <meta itemprop=\"width\" content=\"294\"> <meta itemprop=\"height\" content=\"195\"> <img decoding=\"async\" class=\"\" data-attachment-id=\"141538\" data-orig-file=\"https:\/\/itayachtscanada.com\/wp-content\/uploads\/2023\/11\/Capture-decran-le-2023-11-15-a-14.33.24.png\" data-orig-size=\"1676,1112\" data-comments-opened=\"1\" data-image-meta=\"{&quot;aperture&quot;:&quot;0&quot;,&quot;credit&quot;:&quot;&quot;,&quot;camera&quot;:&quot;&quot;,&quot;caption&quot;:&quot;&quot;,&quot;created_timestamp&quot;:&quot;0&quot;,&quot;copyright&quot;:&quot;&quot;,&quot;focal_length&quot;:&quot;0&quot;,&quot;iso&quot;:&quot;0&quot;,&quot;shutter_speed&quot;:&quot;0&quot;,&quot;title&quot;:&quot;&quot;,&quot;orientation&quot;:&quot;0&quot;}\" data-image-title=\"Capture d\u2019\u00e9cran, le 2023-11-15 \u00e0 14.33.24\" data-image-description=\"\" data-medium-file=\"https:\/\/i0.wp.com\/itayachtscanada.com\/wp-content\/uploads\/2023\/11\/Capture-decran-le-2023-11-15-a-14.33.24.png?fit=300%2C199&#038;ssl=1\" data-large-file=\"https:\/\/i0.wp.com\/itayachtscanada.com\/wp-content\/uploads\/2023\/11\/Capture-decran-le-2023-11-15-a-14.33.24.png?fit=700%2C464&#038;ssl=1\" src=\"https:\/\/i0.wp.com\/itayachtscanada.com\/wp-content\/uploads\/2023\/11\/Capture-decran-le-2023-11-15-a-14.33.24.png?w=294&#038;h=195&#038;ssl=1\" srcset=\"https:\/\/i0.wp.com\/itayachtscanada.com\/wp-content\/uploads\/2023\/11\/Capture-decran-le-2023-11-15-a-14.33.24.png?w=1676&amp;ssl=1 1676w, https:\/\/i0.wp.com\/itayachtscanada.com\/wp-content\/uploads\/2023\/11\/Capture-decran-le-2023-11-15-a-14.33.24.png?resize=300%2C199&amp;ssl=1 300w, https:\/\/i0.wp.com\/itayachtscanada.com\/wp-content\/uploads\/2023\/11\/Capture-decran-le-2023-11-15-a-14.33.24.png?resize=1024%2C679&amp;ssl=1 1024w, https:\/\/i0.wp.com\/itayachtscanada.com\/wp-content\/uploads\/2023\/11\/Capture-decran-le-2023-11-15-a-14.33.24.png?resize=768%2C510&amp;ssl=1 768w, https:\/\/i0.wp.com\/itayachtscanada.com\/wp-content\/uploads\/2023\/11\/Capture-decran-le-2023-11-15-a-14.33.24.png?resize=1536%2C1019&amp;ssl=1 1536w, https:\/\/i0.wp.com\/itayachtscanada.com\/wp-content\/uploads\/2023\/11\/Capture-decran-le-2023-11-15-a-14.33.24.png?resize=1200%2C796&amp;ssl=1 1200w, https:\/\/i0.wp.com\/itayachtscanada.com\/wp-content\/uploads\/2023\/11\/Capture-decran-le-2023-11-15-a-14.33.24.png?resize=700%2C464&amp;ssl=1 700w, https:\/\/i0.wp.com\/itayachtscanada.com\/wp-content\/uploads\/2023\/11\/Capture-decran-le-2023-11-15-a-14.33.24.png?resize=900%2C600&amp;ssl=1 900w, https:\/\/i0.wp.com\/itayachtscanada.com\/wp-content\/uploads\/2023\/11\/Capture-decran-le-2023-11-15-a-14.33.24.png?resize=603%2C400&amp;ssl=1 603w, https:\/\/i0.wp.com\/itayachtscanada.com\/wp-content\/uploads\/2023\/11\/Capture-decran-le-2023-11-15-a-14.33.24.png?w=1400&amp;ssl=1 1400w\" width=\"294\" height=\"195\" loading=\"lazy\" data-original-width=\"294\" data-original-height=\"195\" itemprop=\"http:\/\/schema.org\/image\" title=\"Capture d\u2019\u00e9cran, le 2023-11-15 \u00e0 14.33.24\" alt=\"Capture d\u2019\u00e9cran, le 2023-11-15 \u00e0 14.33.24\" style=\"width: 294px; height: 195px;\" \/> <\/a> <\/div> <\/div> <!-- close group --> <\/div> <!-- close row --> <div class=\"gallery-row\" style=\"width: 700px; height: 493px;\" data-original-width=\"700\" data-original-height=\"493\" > <div class=\"gallery-group images-1\" style=\"width: 331px; height: 493px;\" data-original-width=\"331\" data-original-height=\"493\" > <div class=\"tiled-gallery-item tiled-gallery-item-large\" itemprop=\"associatedMedia\" itemscope itemtype=\"http:\/\/schema.org\/ImageObject\"> <a href=\"https:\/\/itayachtscanada.com\/fr\/listing\/sunreef-60-sail-2020-3900000-usd-for-sale\/capture-decran-le-2023-11-15-a-14-34-11\/\" border=\"0\" itemprop=\"url\"> <meta itemprop=\"width\" content=\"327\"> <meta itemprop=\"height\" content=\"489\"> <img decoding=\"async\" class=\"\" data-attachment-id=\"141530\" data-orig-file=\"https:\/\/itayachtscanada.com\/wp-content\/uploads\/2023\/11\/Capture-decran-le-2023-11-15-a-14.34.11.png\" data-orig-size=\"744,1112\" data-comments-opened=\"1\" data-image-meta=\"{&quot;aperture&quot;:&quot;0&quot;,&quot;credit&quot;:&quot;&quot;,&quot;camera&quot;:&quot;&quot;,&quot;caption&quot;:&quot;&quot;,&quot;created_timestamp&quot;:&quot;0&quot;,&quot;copyright&quot;:&quot;&quot;,&quot;focal_length&quot;:&quot;0&quot;,&quot;iso&quot;:&quot;0&quot;,&quot;shutter_speed&quot;:&quot;0&quot;,&quot;title&quot;:&quot;&quot;,&quot;orientation&quot;:&quot;0&quot;}\" data-image-title=\"Capture d\u2019\u00e9cran, le 2023-11-15 \u00e0 14.34.11\" data-image-description=\"\" data-medium-file=\"https:\/\/i0.wp.com\/itayachtscanada.com\/wp-content\/uploads\/2023\/11\/Capture-decran-le-2023-11-15-a-14.34.11.png?fit=201%2C300&#038;ssl=1\" data-large-file=\"https:\/\/i0.wp.com\/itayachtscanada.com\/wp-content\/uploads\/2023\/11\/Capture-decran-le-2023-11-15-a-14.34.11.png?fit=685%2C1024&#038;ssl=1\" src=\"https:\/\/i0.wp.com\/itayachtscanada.com\/wp-content\/uploads\/2023\/11\/Capture-decran-le-2023-11-15-a-14.34.11.png?w=327&#038;h=489&#038;ssl=1\" srcset=\"https:\/\/i0.wp.com\/itayachtscanada.com\/wp-content\/uploads\/2023\/11\/Capture-decran-le-2023-11-15-a-14.34.11.png?w=744&amp;ssl=1 744w, https:\/\/i0.wp.com\/itayachtscanada.com\/wp-content\/uploads\/2023\/11\/Capture-decran-le-2023-11-15-a-14.34.11.png?resize=201%2C300&amp;ssl=1 201w, https:\/\/i0.wp.com\/itayachtscanada.com\/wp-content\/uploads\/2023\/11\/Capture-decran-le-2023-11-15-a-14.34.11.png?resize=685%2C1024&amp;ssl=1 685w, https:\/\/i0.wp.com\/itayachtscanada.com\/wp-content\/uploads\/2023\/11\/Capture-decran-le-2023-11-15-a-14.34.11.png?resize=700%2C1046&amp;ssl=1 700w, https:\/\/i0.wp.com\/itayachtscanada.com\/wp-content\/uploads\/2023\/11\/Capture-decran-le-2023-11-15-a-14.34.11.png?resize=268%2C400&amp;ssl=1 268w\" width=\"327\" height=\"489\" loading=\"lazy\" data-original-width=\"327\" data-original-height=\"489\" itemprop=\"http:\/\/schema.org\/image\" title=\"Capture d\u2019\u00e9cran, le 2023-11-15 \u00e0 14.34.11\" alt=\"Capture d\u2019\u00e9cran, le 2023-11-15 \u00e0 14.34.11\" style=\"width: 327px; height: 489px;\" \/> <\/a> <\/div> <\/div> <!-- close group --> <div class=\"gallery-group images-2\" style=\"width: 369px; height: 493px;\" data-original-width=\"369\" data-original-height=\"493\" > <div class=\"tiled-gallery-item tiled-gallery-item-large\" itemprop=\"associatedMedia\" itemscope itemtype=\"http:\/\/schema.org\/ImageObject\"> <a href=\"https:\/\/itayachtscanada.com\/fr\/listing\/sunreef-60-sail-2020-3900000-usd-for-sale\/capture-decran-le-2023-11-15-a-14-34-03\/\" border=\"0\" itemprop=\"url\"> <meta itemprop=\"width\" content=\"365\"> <meta itemprop=\"height\" content=\"241\"> <img decoding=\"async\" class=\"\" data-attachment-id=\"141531\" data-orig-file=\"https:\/\/itayachtscanada.com\/wp-content\/uploads\/2023\/11\/Capture-decran-le-2023-11-15-a-14.34.03.png\" data-orig-size=\"1686,1112\" data-comments-opened=\"1\" data-image-meta=\"{&quot;aperture&quot;:&quot;0&quot;,&quot;credit&quot;:&quot;&quot;,&quot;camera&quot;:&quot;&quot;,&quot;caption&quot;:&quot;&quot;,&quot;created_timestamp&quot;:&quot;0&quot;,&quot;copyright&quot;:&quot;&quot;,&quot;focal_length&quot;:&quot;0&quot;,&quot;iso&quot;:&quot;0&quot;,&quot;shutter_speed&quot;:&quot;0&quot;,&quot;title&quot;:&quot;&quot;,&quot;orientation&quot;:&quot;0&quot;}\" data-image-title=\"Capture d\u2019\u00e9cran, le 2023-11-15 \u00e0 14.34.03\" data-image-description=\"\" data-medium-file=\"https:\/\/i0.wp.com\/itayachtscanada.com\/wp-content\/uploads\/2023\/11\/Capture-decran-le-2023-11-15-a-14.34.03.png?fit=300%2C198&#038;ssl=1\" data-large-file=\"https:\/\/i0.wp.com\/itayachtscanada.com\/wp-content\/uploads\/2023\/11\/Capture-decran-le-2023-11-15-a-14.34.03.png?fit=700%2C461&#038;ssl=1\" src=\"https:\/\/i0.wp.com\/itayachtscanada.com\/wp-content\/uploads\/2023\/11\/Capture-decran-le-2023-11-15-a-14.34.03.png?w=365&#038;h=241&#038;ssl=1\" srcset=\"https:\/\/i0.wp.com\/itayachtscanada.com\/wp-content\/uploads\/2023\/11\/Capture-decran-le-2023-11-15-a-14.34.03.png?w=1686&amp;ssl=1 1686w, https:\/\/i0.wp.com\/itayachtscanada.com\/wp-content\/uploads\/2023\/11\/Capture-decran-le-2023-11-15-a-14.34.03.png?resize=300%2C198&amp;ssl=1 300w, https:\/\/i0.wp.com\/itayachtscanada.com\/wp-content\/uploads\/2023\/11\/Capture-decran-le-2023-11-15-a-14.34.03.png?resize=1024%2C675&amp;ssl=1 1024w, https:\/\/i0.wp.com\/itayachtscanada.com\/wp-content\/uploads\/2023\/11\/Capture-decran-le-2023-11-15-a-14.34.03.png?resize=768%2C507&amp;ssl=1 768w, https:\/\/i0.wp.com\/itayachtscanada.com\/wp-content\/uploads\/2023\/11\/Capture-decran-le-2023-11-15-a-14.34.03.png?resize=1536%2C1013&amp;ssl=1 1536w, https:\/\/i0.wp.com\/itayachtscanada.com\/wp-content\/uploads\/2023\/11\/Capture-decran-le-2023-11-15-a-14.34.03.png?resize=1200%2C791&amp;ssl=1 1200w, https:\/\/i0.wp.com\/itayachtscanada.com\/wp-content\/uploads\/2023\/11\/Capture-decran-le-2023-11-15-a-14.34.03.png?resize=700%2C462&amp;ssl=1 700w, https:\/\/i0.wp.com\/itayachtscanada.com\/wp-content\/uploads\/2023\/11\/Capture-decran-le-2023-11-15-a-14.34.03.png?resize=606%2C400&amp;ssl=1 606w, https:\/\/i0.wp.com\/itayachtscanada.com\/wp-content\/uploads\/2023\/11\/Capture-decran-le-2023-11-15-a-14.34.03.png?w=1400&amp;ssl=1 1400w\" width=\"365\" height=\"241\" loading=\"lazy\" data-original-width=\"365\" data-original-height=\"241\" itemprop=\"http:\/\/schema.org\/image\" title=\"Capture d\u2019\u00e9cran, le 2023-11-15 \u00e0 14.34.03\" alt=\"Capture d\u2019\u00e9cran, le 2023-11-15 \u00e0 14.34.03\" style=\"width: 365px; height: 241px;\" \/> <\/a> <\/div> <div class=\"tiled-gallery-item tiled-gallery-item-large\" itemprop=\"associatedMedia\" itemscope itemtype=\"http:\/\/schema.org\/ImageObject\"> <a href=\"https:\/\/itayachtscanada.com\/fr\/listing\/sunreef-60-sail-2020-3900000-usd-for-sale\/capture-decran-le-2023-11-15-a-14-48-07\/\" border=\"0\" itemprop=\"url\"> <meta itemprop=\"width\" content=\"365\"> <meta itemprop=\"height\" content=\"244\"> <img decoding=\"async\" class=\"\" data-attachment-id=\"141509\" data-orig-file=\"https:\/\/itayachtscanada.com\/wp-content\/uploads\/2023\/11\/Capture-decran-le-2023-11-15-a-14.48.07.png\" data-orig-size=\"1718,1150\" data-comments-opened=\"1\" data-image-meta=\"{&quot;aperture&quot;:&quot;0&quot;,&quot;credit&quot;:&quot;&quot;,&quot;camera&quot;:&quot;&quot;,&quot;caption&quot;:&quot;&quot;,&quot;created_timestamp&quot;:&quot;0&quot;,&quot;copyright&quot;:&quot;&quot;,&quot;focal_length&quot;:&quot;0&quot;,&quot;iso&quot;:&quot;0&quot;,&quot;shutter_speed&quot;:&quot;0&quot;,&quot;title&quot;:&quot;&quot;,&quot;orientation&quot;:&quot;0&quot;}\" data-image-title=\"Capture d\u2019\u00e9cran, le 2023-11-15 \u00e0 14.48.07\" data-image-description=\"\" data-medium-file=\"https:\/\/i0.wp.com\/itayachtscanada.com\/wp-content\/uploads\/2023\/11\/Capture-decran-le-2023-11-15-a-14.48.07.png?fit=300%2C201&#038;ssl=1\" data-large-file=\"https:\/\/i0.wp.com\/itayachtscanada.com\/wp-content\/uploads\/2023\/11\/Capture-decran-le-2023-11-15-a-14.48.07.png?fit=700%2C468&#038;ssl=1\" src=\"https:\/\/i0.wp.com\/itayachtscanada.com\/wp-content\/uploads\/2023\/11\/Capture-decran-le-2023-11-15-a-14.48.07.png?w=365&#038;h=244&#038;ssl=1\" srcset=\"https:\/\/i0.wp.com\/itayachtscanada.com\/wp-content\/uploads\/2023\/11\/Capture-decran-le-2023-11-15-a-14.48.07.png?w=1718&amp;ssl=1 1718w, https:\/\/i0.wp.com\/itayachtscanada.com\/wp-content\/uploads\/2023\/11\/Capture-decran-le-2023-11-15-a-14.48.07.png?resize=300%2C201&amp;ssl=1 300w, https:\/\/i0.wp.com\/itayachtscanada.com\/wp-content\/uploads\/2023\/11\/Capture-decran-le-2023-11-15-a-14.48.07.png?resize=1024%2C685&amp;ssl=1 1024w, https:\/\/i0.wp.com\/itayachtscanada.com\/wp-content\/uploads\/2023\/11\/Capture-decran-le-2023-11-15-a-14.48.07.png?resize=768%2C514&amp;ssl=1 768w, https:\/\/i0.wp.com\/itayachtscanada.com\/wp-content\/uploads\/2023\/11\/Capture-decran-le-2023-11-15-a-14.48.07.png?resize=1536%2C1028&amp;ssl=1 1536w, https:\/\/i0.wp.com\/itayachtscanada.com\/wp-content\/uploads\/2023\/11\/Capture-decran-le-2023-11-15-a-14.48.07.png?resize=1200%2C803&amp;ssl=1 1200w, https:\/\/i0.wp.com\/itayachtscanada.com\/wp-content\/uploads\/2023\/11\/Capture-decran-le-2023-11-15-a-14.48.07.png?resize=700%2C469&amp;ssl=1 700w, https:\/\/i0.wp.com\/itayachtscanada.com\/wp-content\/uploads\/2023\/11\/Capture-decran-le-2023-11-15-a-14.48.07.png?resize=900%2C600&amp;ssl=1 900w, https:\/\/i0.wp.com\/itayachtscanada.com\/wp-content\/uploads\/2023\/11\/Capture-decran-le-2023-11-15-a-14.48.07.png?resize=598%2C400&amp;ssl=1 598w, https:\/\/i0.wp.com\/itayachtscanada.com\/wp-content\/uploads\/2023\/11\/Capture-decran-le-2023-11-15-a-14.48.07.png?w=1400&amp;ssl=1 1400w\" width=\"365\" height=\"244\" loading=\"lazy\" data-original-width=\"365\" data-original-height=\"244\" itemprop=\"http:\/\/schema.org\/image\" title=\"Capture d\u2019\u00e9cran, le 2023-11-15 \u00e0 14.48.07\" alt=\"Capture d\u2019\u00e9cran, le 2023-11-15 \u00e0 14.48.07\" style=\"width: 365px; height: 244px;\" \/> <\/a> <\/div> <\/div> <!-- close group --> <\/div> <!-- close row --> <div class=\"gallery-row\" style=\"width: 700px; height: 310px;\" data-original-width=\"700\" data-original-height=\"310\" > <div class=\"gallery-group images-2\" style=\"width: 232px; height: 310px;\" data-original-width=\"232\" data-original-height=\"310\" > <div class=\"tiled-gallery-item tiled-gallery-item-small\" itemprop=\"associatedMedia\" itemscope itemtype=\"http:\/\/schema.org\/ImageObject\"> <a href=\"https:\/\/itayachtscanada.com\/fr\/listing\/sunreef-60-sail-2020-3900000-usd-for-sale\/capture-decran-le-2023-11-15-a-14-48-13\/\" border=\"0\" itemprop=\"url\"> <meta itemprop=\"width\" content=\"228\"> <meta itemprop=\"height\" content=\"152\"> <img decoding=\"async\" class=\"\" data-attachment-id=\"141508\" data-orig-file=\"https:\/\/itayachtscanada.com\/wp-content\/uploads\/2023\/11\/Capture-decran-le-2023-11-15-a-14.48.13.png\" data-orig-size=\"1718,1150\" data-comments-opened=\"1\" data-image-meta=\"{&quot;aperture&quot;:&quot;0&quot;,&quot;credit&quot;:&quot;&quot;,&quot;camera&quot;:&quot;&quot;,&quot;caption&quot;:&quot;&quot;,&quot;created_timestamp&quot;:&quot;0&quot;,&quot;copyright&quot;:&quot;&quot;,&quot;focal_length&quot;:&quot;0&quot;,&quot;iso&quot;:&quot;0&quot;,&quot;shutter_speed&quot;:&quot;0&quot;,&quot;title&quot;:&quot;&quot;,&quot;orientation&quot;:&quot;0&quot;}\" data-image-title=\"Capture d\u2019\u00e9cran, le 2023-11-15 \u00e0 14.48.13\" data-image-description=\"\" data-medium-file=\"https:\/\/i0.wp.com\/itayachtscanada.com\/wp-content\/uploads\/2023\/11\/Capture-decran-le-2023-11-15-a-14.48.13.png?fit=300%2C201&#038;ssl=1\" data-large-file=\"https:\/\/i0.wp.com\/itayachtscanada.com\/wp-content\/uploads\/2023\/11\/Capture-decran-le-2023-11-15-a-14.48.13.png?fit=700%2C468&#038;ssl=1\" src=\"https:\/\/i0.wp.com\/itayachtscanada.com\/wp-content\/uploads\/2023\/11\/Capture-decran-le-2023-11-15-a-14.48.13.png?w=228&#038;h=152&#038;ssl=1\" srcset=\"https:\/\/i0.wp.com\/itayachtscanada.com\/wp-content\/uploads\/2023\/11\/Capture-decran-le-2023-11-15-a-14.48.13.png?w=1718&amp;ssl=1 1718w, https:\/\/i0.wp.com\/itayachtscanada.com\/wp-content\/uploads\/2023\/11\/Capture-decran-le-2023-11-15-a-14.48.13.png?resize=300%2C201&amp;ssl=1 300w, https:\/\/i0.wp.com\/itayachtscanada.com\/wp-content\/uploads\/2023\/11\/Capture-decran-le-2023-11-15-a-14.48.13.png?resize=1024%2C685&amp;ssl=1 1024w, https:\/\/i0.wp.com\/itayachtscanada.com\/wp-content\/uploads\/2023\/11\/Capture-decran-le-2023-11-15-a-14.48.13.png?resize=768%2C514&amp;ssl=1 768w, https:\/\/i0.wp.com\/itayachtscanada.com\/wp-content\/uploads\/2023\/11\/Capture-decran-le-2023-11-15-a-14.48.13.png?resize=1536%2C1028&amp;ssl=1 1536w, https:\/\/i0.wp.com\/itayachtscanada.com\/wp-content\/uploads\/2023\/11\/Capture-decran-le-2023-11-15-a-14.48.13.png?resize=1200%2C803&amp;ssl=1 1200w, https:\/\/i0.wp.com\/itayachtscanada.com\/wp-content\/uploads\/2023\/11\/Capture-decran-le-2023-11-15-a-14.48.13.png?resize=700%2C469&amp;ssl=1 700w, https:\/\/i0.wp.com\/itayachtscanada.com\/wp-content\/uploads\/2023\/11\/Capture-decran-le-2023-11-15-a-14.48.13.png?resize=900%2C600&amp;ssl=1 900w, https:\/\/i0.wp.com\/itayachtscanada.com\/wp-content\/uploads\/2023\/11\/Capture-decran-le-2023-11-15-a-14.48.13.png?resize=598%2C400&amp;ssl=1 598w, https:\/\/i0.wp.com\/itayachtscanada.com\/wp-content\/uploads\/2023\/11\/Capture-decran-le-2023-11-15-a-14.48.13.png?w=1400&amp;ssl=1 1400w\" width=\"228\" height=\"152\" loading=\"lazy\" data-original-width=\"228\" data-original-height=\"152\" itemprop=\"http:\/\/schema.org\/image\" title=\"Capture d\u2019\u00e9cran, le 2023-11-15 \u00e0 14.48.13\" alt=\"Capture d\u2019\u00e9cran, le 2023-11-15 \u00e0 14.48.13\" style=\"width: 228px; height: 152px;\" \/> <\/a> <\/div> <div class=\"tiled-gallery-item tiled-gallery-item-small\" itemprop=\"associatedMedia\" itemscope itemtype=\"http:\/\/schema.org\/ImageObject\"> <a href=\"https:\/\/itayachtscanada.com\/fr\/listing\/sunreef-60-sail-2020-3900000-usd-for-sale\/capture-decran-le-2023-11-15-a-14-33-54\/\" border=\"0\" itemprop=\"url\"> <meta itemprop=\"width\" content=\"228\"> <meta itemprop=\"height\" content=\"150\"> <img decoding=\"async\" class=\"\" data-attachment-id=\"141534\" data-orig-file=\"https:\/\/itayachtscanada.com\/wp-content\/uploads\/2023\/11\/Capture-decran-le-2023-11-15-a-14.33.54.png\" data-orig-size=\"1686,1112\" data-comments-opened=\"1\" data-image-meta=\"{&quot;aperture&quot;:&quot;0&quot;,&quot;credit&quot;:&quot;&quot;,&quot;camera&quot;:&quot;&quot;,&quot;caption&quot;:&quot;&quot;,&quot;created_timestamp&quot;:&quot;0&quot;,&quot;copyright&quot;:&quot;&quot;,&quot;focal_length&quot;:&quot;0&quot;,&quot;iso&quot;:&quot;0&quot;,&quot;shutter_speed&quot;:&quot;0&quot;,&quot;title&quot;:&quot;&quot;,&quot;orientation&quot;:&quot;0&quot;}\" data-image-title=\"Capture d\u2019\u00e9cran, le 2023-11-15 \u00e0 14.33.54\" data-image-description=\"\" data-medium-file=\"https:\/\/i0.wp.com\/itayachtscanada.com\/wp-content\/uploads\/2023\/11\/Capture-decran-le-2023-11-15-a-14.33.54.png?fit=300%2C198&#038;ssl=1\" data-large-file=\"https:\/\/i0.wp.com\/itayachtscanada.com\/wp-content\/uploads\/2023\/11\/Capture-decran-le-2023-11-15-a-14.33.54.png?fit=700%2C461&#038;ssl=1\" src=\"https:\/\/i0.wp.com\/itayachtscanada.com\/wp-content\/uploads\/2023\/11\/Capture-decran-le-2023-11-15-a-14.33.54.png?w=228&#038;h=150&#038;ssl=1\" srcset=\"https:\/\/i0.wp.com\/itayachtscanada.com\/wp-content\/uploads\/2023\/11\/Capture-decran-le-2023-11-15-a-14.33.54.png?w=1686&amp;ssl=1 1686w, https:\/\/i0.wp.com\/itayachtscanada.com\/wp-content\/uploads\/2023\/11\/Capture-decran-le-2023-11-15-a-14.33.54.png?resize=300%2C198&amp;ssl=1 300w, https:\/\/i0.wp.com\/itayachtscanada.com\/wp-content\/uploads\/2023\/11\/Capture-decran-le-2023-11-15-a-14.33.54.png?resize=1024%2C675&amp;ssl=1 1024w, https:\/\/i0.wp.com\/itayachtscanada.com\/wp-content\/uploads\/2023\/11\/Capture-decran-le-2023-11-15-a-14.33.54.png?resize=768%2C507&amp;ssl=1 768w, https:\/\/i0.wp.com\/itayachtscanada.com\/wp-content\/uploads\/2023\/11\/Capture-decran-le-2023-11-15-a-14.33.54.png?resize=1536%2C1013&amp;ssl=1 1536w, https:\/\/i0.wp.com\/itayachtscanada.com\/wp-content\/uploads\/2023\/11\/Capture-decran-le-2023-11-15-a-14.33.54.png?resize=1200%2C791&amp;ssl=1 1200w, https:\/\/i0.wp.com\/itayachtscanada.com\/wp-content\/uploads\/2023\/11\/Capture-decran-le-2023-11-15-a-14.33.54.png?resize=700%2C462&amp;ssl=1 700w, https:\/\/i0.wp.com\/itayachtscanada.com\/wp-content\/uploads\/2023\/11\/Capture-decran-le-2023-11-15-a-14.33.54.png?resize=606%2C400&amp;ssl=1 606w, https:\/\/i0.wp.com\/itayachtscanada.com\/wp-content\/uploads\/2023\/11\/Capture-decran-le-2023-11-15-a-14.33.54.png?w=1400&amp;ssl=1 1400w\" width=\"228\" height=\"150\" loading=\"lazy\" data-original-width=\"228\" data-original-height=\"150\" itemprop=\"http:\/\/schema.org\/image\" title=\"Capture d\u2019\u00e9cran, le 2023-11-15 \u00e0 14.33.54\" alt=\"Capture d\u2019\u00e9cran, le 2023-11-15 \u00e0 14.33.54\" style=\"width: 228px; height: 150px;\" \/> <\/a> <\/div> <\/div> <!-- close group --> <div class=\"gallery-group images-1\" style=\"width: 468px; height: 310px;\" data-original-width=\"468\" data-original-height=\"310\" > <div class=\"tiled-gallery-item tiled-gallery-item-large\" itemprop=\"associatedMedia\" itemscope itemtype=\"http:\/\/schema.org\/ImageObject\"> <a href=\"https:\/\/itayachtscanada.com\/fr\/listing\/sunreef-60-sail-2020-3900000-usd-for-sale\/capture-decran-le-2023-11-15-a-14-33-57\/\" border=\"0\" itemprop=\"url\"> <meta itemprop=\"width\" content=\"464\"> <meta itemprop=\"height\" content=\"306\"> <img decoding=\"async\" class=\"\" data-attachment-id=\"141533\" data-orig-file=\"https:\/\/itayachtscanada.com\/wp-content\/uploads\/2023\/11\/Capture-decran-le-2023-11-15-a-14.33.57.png\" data-orig-size=\"1686,1112\" data-comments-opened=\"1\" data-image-meta=\"{&quot;aperture&quot;:&quot;0&quot;,&quot;credit&quot;:&quot;&quot;,&quot;camera&quot;:&quot;&quot;,&quot;caption&quot;:&quot;&quot;,&quot;created_timestamp&quot;:&quot;0&quot;,&quot;copyright&quot;:&quot;&quot;,&quot;focal_length&quot;:&quot;0&quot;,&quot;iso&quot;:&quot;0&quot;,&quot;shutter_speed&quot;:&quot;0&quot;,&quot;title&quot;:&quot;&quot;,&quot;orientation&quot;:&quot;0&quot;}\" data-image-title=\"Capture d\u2019\u00e9cran, le 2023-11-15 \u00e0 14.33.57\" data-image-description=\"\" data-medium-file=\"https:\/\/i0.wp.com\/itayachtscanada.com\/wp-content\/uploads\/2023\/11\/Capture-decran-le-2023-11-15-a-14.33.57.png?fit=300%2C198&#038;ssl=1\" data-large-file=\"https:\/\/i0.wp.com\/itayachtscanada.com\/wp-content\/uploads\/2023\/11\/Capture-decran-le-2023-11-15-a-14.33.57.png?fit=700%2C461&#038;ssl=1\" src=\"https:\/\/i0.wp.com\/itayachtscanada.com\/wp-content\/uploads\/2023\/11\/Capture-decran-le-2023-11-15-a-14.33.57.png?w=464&#038;h=306&#038;ssl=1\" srcset=\"https:\/\/i0.wp.com\/itayachtscanada.com\/wp-content\/uploads\/2023\/11\/Capture-decran-le-2023-11-15-a-14.33.57.png?w=1686&amp;ssl=1 1686w, https:\/\/i0.wp.com\/itayachtscanada.com\/wp-content\/uploads\/2023\/11\/Capture-decran-le-2023-11-15-a-14.33.57.png?resize=300%2C198&amp;ssl=1 300w, https:\/\/i0.wp.com\/itayachtscanada.com\/wp-content\/uploads\/2023\/11\/Capture-decran-le-2023-11-15-a-14.33.57.png?resize=1024%2C675&amp;ssl=1 1024w, https:\/\/i0.wp.com\/itayachtscanada.com\/wp-content\/uploads\/2023\/11\/Capture-decran-le-2023-11-15-a-14.33.57.png?resize=768%2C507&amp;ssl=1 768w, https:\/\/i0.wp.com\/itayachtscanada.com\/wp-content\/uploads\/2023\/11\/Capture-decran-le-2023-11-15-a-14.33.57.png?resize=1536%2C1013&amp;ssl=1 1536w, https:\/\/i0.wp.com\/itayachtscanada.com\/wp-content\/uploads\/2023\/11\/Capture-decran-le-2023-11-15-a-14.33.57.png?resize=1200%2C791&amp;ssl=1 1200w, https:\/\/i0.wp.com\/itayachtscanada.com\/wp-content\/uploads\/2023\/11\/Capture-decran-le-2023-11-15-a-14.33.57.png?resize=700%2C462&amp;ssl=1 700w, https:\/\/i0.wp.com\/itayachtscanada.com\/wp-content\/uploads\/2023\/11\/Capture-decran-le-2023-11-15-a-14.33.57.png?resize=606%2C400&amp;ssl=1 606w, https:\/\/i0.wp.com\/itayachtscanada.com\/wp-content\/uploads\/2023\/11\/Capture-decran-le-2023-11-15-a-14.33.57.png?w=1400&amp;ssl=1 1400w\" width=\"464\" height=\"306\" loading=\"lazy\" data-original-width=\"464\" data-original-height=\"306\" itemprop=\"http:\/\/schema.org\/image\" title=\"Capture d\u2019\u00e9cran, le 2023-11-15 \u00e0 14.33.57\" alt=\"Capture d\u2019\u00e9cran, le 2023-11-15 \u00e0 14.33.57\" style=\"width: 464px; height: 306px;\" \/> <\/a> <\/div> <\/div> <!-- close group --> <\/div> <!-- close row --> <div class=\"gallery-row\" style=\"width: 700px; height: 425px;\" data-original-width=\"700\" data-original-height=\"425\" > <div class=\"gallery-group images-3\" style=\"width: 210px; height: 425px;\" data-original-width=\"210\" data-original-height=\"425\" > <div class=\"tiled-gallery-item tiled-gallery-item-small\" itemprop=\"associatedMedia\" itemscope itemtype=\"http:\/\/schema.org\/ImageObject\"> <a href=\"https:\/\/itayachtscanada.com\/fr\/listing\/sunreef-60-sail-2020-3900000-usd-for-sale\/capture-decran-le-2023-11-15-a-14-48-47\/\" border=\"0\" itemprop=\"url\"> <meta itemprop=\"width\" content=\"206\"> <meta itemprop=\"height\" content=\"138\"> <img decoding=\"async\" class=\"\" data-attachment-id=\"141501\" data-orig-file=\"https:\/\/itayachtscanada.com\/wp-content\/uploads\/2023\/11\/Capture-decran-le-2023-11-15-a-14.48.47.png\" data-orig-size=\"1718,1150\" data-comments-opened=\"1\" data-image-meta=\"{&quot;aperture&quot;:&quot;0&quot;,&quot;credit&quot;:&quot;&quot;,&quot;camera&quot;:&quot;&quot;,&quot;caption&quot;:&quot;&quot;,&quot;created_timestamp&quot;:&quot;0&quot;,&quot;copyright&quot;:&quot;&quot;,&quot;focal_length&quot;:&quot;0&quot;,&quot;iso&quot;:&quot;0&quot;,&quot;shutter_speed&quot;:&quot;0&quot;,&quot;title&quot;:&quot;&quot;,&quot;orientation&quot;:&quot;0&quot;}\" data-image-title=\"Capture d\u2019\u00e9cran, le 2023-11-15 \u00e0 14.48.47\" data-image-description=\"\" data-medium-file=\"https:\/\/i0.wp.com\/itayachtscanada.com\/wp-content\/uploads\/2023\/11\/Capture-decran-le-2023-11-15-a-14.48.47.png?fit=300%2C201&#038;ssl=1\" data-large-file=\"https:\/\/i0.wp.com\/itayachtscanada.com\/wp-content\/uploads\/2023\/11\/Capture-decran-le-2023-11-15-a-14.48.47.png?fit=700%2C468&#038;ssl=1\" src=\"https:\/\/i0.wp.com\/itayachtscanada.com\/wp-content\/uploads\/2023\/11\/Capture-decran-le-2023-11-15-a-14.48.47.png?w=206&#038;h=138&#038;ssl=1\" srcset=\"https:\/\/i0.wp.com\/itayachtscanada.com\/wp-content\/uploads\/2023\/11\/Capture-decran-le-2023-11-15-a-14.48.47.png?w=1718&amp;ssl=1 1718w, https:\/\/i0.wp.com\/itayachtscanada.com\/wp-content\/uploads\/2023\/11\/Capture-decran-le-2023-11-15-a-14.48.47.png?resize=300%2C201&amp;ssl=1 300w, https:\/\/i0.wp.com\/itayachtscanada.com\/wp-content\/uploads\/2023\/11\/Capture-decran-le-2023-11-15-a-14.48.47.png?resize=1024%2C685&amp;ssl=1 1024w, https:\/\/i0.wp.com\/itayachtscanada.com\/wp-content\/uploads\/2023\/11\/Capture-decran-le-2023-11-15-a-14.48.47.png?resize=768%2C514&amp;ssl=1 768w, https:\/\/i0.wp.com\/itayachtscanada.com\/wp-content\/uploads\/2023\/11\/Capture-decran-le-2023-11-15-a-14.48.47.png?resize=1536%2C1028&amp;ssl=1 1536w, https:\/\/i0.wp.com\/itayachtscanada.com\/wp-content\/uploads\/2023\/11\/Capture-decran-le-2023-11-15-a-14.48.47.png?resize=1200%2C803&amp;ssl=1 1200w, https:\/\/i0.wp.com\/itayachtscanada.com\/wp-content\/uploads\/2023\/11\/Capture-decran-le-2023-11-15-a-14.48.47.png?resize=700%2C469&amp;ssl=1 700w, https:\/\/i0.wp.com\/itayachtscanada.com\/wp-content\/uploads\/2023\/11\/Capture-decran-le-2023-11-15-a-14.48.47.png?resize=900%2C600&amp;ssl=1 900w, https:\/\/i0.wp.com\/itayachtscanada.com\/wp-content\/uploads\/2023\/11\/Capture-decran-le-2023-11-15-a-14.48.47.png?resize=598%2C400&amp;ssl=1 598w, https:\/\/i0.wp.com\/itayachtscanada.com\/wp-content\/uploads\/2023\/11\/Capture-decran-le-2023-11-15-a-14.48.47.png?w=1400&amp;ssl=1 1400w\" width=\"206\" height=\"138\" loading=\"lazy\" data-original-width=\"206\" data-original-height=\"138\" itemprop=\"http:\/\/schema.org\/image\" title=\"Capture d\u2019\u00e9cran, le 2023-11-15 \u00e0 14.48.47\" alt=\"Capture d\u2019\u00e9cran, le 2023-11-15 \u00e0 14.48.47\" style=\"width: 206px; height: 138px;\" \/> <\/a> <\/div> <div class=\"tiled-gallery-item tiled-gallery-item-small\" itemprop=\"associatedMedia\" itemscope itemtype=\"http:\/\/schema.org\/ImageObject\"> <a href=\"https:\/\/itayachtscanada.com\/fr\/listing\/sunreef-60-sail-2020-3900000-usd-for-sale\/capture-decran-le-2023-11-15-a-14-48-17\/\" border=\"0\" itemprop=\"url\"> <meta itemprop=\"width\" content=\"206\"> <meta itemprop=\"height\" content=\"138\"> <img decoding=\"async\" class=\"\" data-attachment-id=\"141507\" data-orig-file=\"https:\/\/itayachtscanada.com\/wp-content\/uploads\/2023\/11\/Capture-decran-le-2023-11-15-a-14.48.17.png\" data-orig-size=\"1718,1150\" data-comments-opened=\"1\" data-image-meta=\"{&quot;aperture&quot;:&quot;0&quot;,&quot;credit&quot;:&quot;&quot;,&quot;camera&quot;:&quot;&quot;,&quot;caption&quot;:&quot;&quot;,&quot;created_timestamp&quot;:&quot;0&quot;,&quot;copyright&quot;:&quot;&quot;,&quot;focal_length&quot;:&quot;0&quot;,&quot;iso&quot;:&quot;0&quot;,&quot;shutter_speed&quot;:&quot;0&quot;,&quot;title&quot;:&quot;&quot;,&quot;orientation&quot;:&quot;0&quot;}\" data-image-title=\"Capture d\u2019\u00e9cran, le 2023-11-15 \u00e0 14.48.17\" data-image-description=\"\" data-medium-file=\"https:\/\/i0.wp.com\/itayachtscanada.com\/wp-content\/uploads\/2023\/11\/Capture-decran-le-2023-11-15-a-14.48.17.png?fit=300%2C201&#038;ssl=1\" data-large-file=\"https:\/\/i0.wp.com\/itayachtscanada.com\/wp-content\/uploads\/2023\/11\/Capture-decran-le-2023-11-15-a-14.48.17.png?fit=700%2C468&#038;ssl=1\" src=\"https:\/\/i0.wp.com\/itayachtscanada.com\/wp-content\/uploads\/2023\/11\/Capture-decran-le-2023-11-15-a-14.48.17.png?w=206&#038;h=138&#038;ssl=1\" srcset=\"https:\/\/i0.wp.com\/itayachtscanada.com\/wp-content\/uploads\/2023\/11\/Capture-decran-le-2023-11-15-a-14.48.17.png?w=1718&amp;ssl=1 1718w, https:\/\/i0.wp.com\/itayachtscanada.com\/wp-content\/uploads\/2023\/11\/Capture-decran-le-2023-11-15-a-14.48.17.png?resize=300%2C201&amp;ssl=1 300w, https:\/\/i0.wp.com\/itayachtscanada.com\/wp-content\/uploads\/2023\/11\/Capture-decran-le-2023-11-15-a-14.48.17.png?resize=1024%2C685&amp;ssl=1 1024w, https:\/\/i0.wp.com\/itayachtscanada.com\/wp-content\/uploads\/2023\/11\/Capture-decran-le-2023-11-15-a-14.48.17.png?resize=768%2C514&amp;ssl=1 768w, https:\/\/i0.wp.com\/itayachtscanada.com\/wp-content\/uploads\/2023\/11\/Capture-decran-le-2023-11-15-a-14.48.17.png?resize=1536%2C1028&amp;ssl=1 1536w, https:\/\/i0.wp.com\/itayachtscanada.com\/wp-content\/uploads\/2023\/11\/Capture-decran-le-2023-11-15-a-14.48.17.png?resize=1200%2C803&amp;ssl=1 1200w, https:\/\/i0.wp.com\/itayachtscanada.com\/wp-content\/uploads\/2023\/11\/Capture-decran-le-2023-11-15-a-14.48.17.png?resize=700%2C469&amp;ssl=1 700w, https:\/\/i0.wp.com\/itayachtscanada.com\/wp-content\/uploads\/2023\/11\/Capture-decran-le-2023-11-15-a-14.48.17.png?resize=900%2C600&amp;ssl=1 900w, https:\/\/i0.wp.com\/itayachtscanada.com\/wp-content\/uploads\/2023\/11\/Capture-decran-le-2023-11-15-a-14.48.17.png?resize=598%2C400&amp;ssl=1 598w, https:\/\/i0.wp.com\/itayachtscanada.com\/wp-content\/uploads\/2023\/11\/Capture-decran-le-2023-11-15-a-14.48.17.png?w=1400&amp;ssl=1 1400w\" width=\"206\" height=\"138\" loading=\"lazy\" data-original-width=\"206\" data-original-height=\"138\" itemprop=\"http:\/\/schema.org\/image\" title=\"Capture d\u2019\u00e9cran, le 2023-11-15 \u00e0 14.48.17\" alt=\"Capture d\u2019\u00e9cran, le 2023-11-15 \u00e0 14.48.17\" style=\"width: 206px; height: 138px;\" \/> <\/a> <\/div> <div class=\"tiled-gallery-item tiled-gallery-item-small\" itemprop=\"associatedMedia\" itemscope itemtype=\"http:\/\/schema.org\/ImageObject\"> <a href=\"https:\/\/itayachtscanada.com\/fr\/listing\/sunreef-60-sail-2020-3900000-usd-for-sale\/capture-decran-le-2023-11-15-a-14-48-42\/\" border=\"0\" itemprop=\"url\"> <meta itemprop=\"width\" content=\"206\"> <meta itemprop=\"height\" content=\"137\"> <img decoding=\"async\" class=\"\" data-attachment-id=\"141502\" data-orig-file=\"https:\/\/itayachtscanada.com\/wp-content\/uploads\/2023\/11\/Capture-decran-le-2023-11-15-a-14.48.42.png\" data-orig-size=\"1718,1150\" data-comments-opened=\"1\" data-image-meta=\"{&quot;aperture&quot;:&quot;0&quot;,&quot;credit&quot;:&quot;&quot;,&quot;camera&quot;:&quot;&quot;,&quot;caption&quot;:&quot;&quot;,&quot;created_timestamp&quot;:&quot;0&quot;,&quot;copyright&quot;:&quot;&quot;,&quot;focal_length&quot;:&quot;0&quot;,&quot;iso&quot;:&quot;0&quot;,&quot;shutter_speed&quot;:&quot;0&quot;,&quot;title&quot;:&quot;&quot;,&quot;orientation&quot;:&quot;0&quot;}\" data-image-title=\"Capture d\u2019\u00e9cran, le 2023-11-15 \u00e0 14.48.42\" data-image-description=\"\" data-medium-file=\"https:\/\/i0.wp.com\/itayachtscanada.com\/wp-content\/uploads\/2023\/11\/Capture-decran-le-2023-11-15-a-14.48.42.png?fit=300%2C201&#038;ssl=1\" data-large-file=\"https:\/\/i0.wp.com\/itayachtscanada.com\/wp-content\/uploads\/2023\/11\/Capture-decran-le-2023-11-15-a-14.48.42.png?fit=700%2C468&#038;ssl=1\" src=\"https:\/\/i0.wp.com\/itayachtscanada.com\/wp-content\/uploads\/2023\/11\/Capture-decran-le-2023-11-15-a-14.48.42.png?w=206&#038;h=137&#038;ssl=1\" srcset=\"https:\/\/i0.wp.com\/itayachtscanada.com\/wp-content\/uploads\/2023\/11\/Capture-decran-le-2023-11-15-a-14.48.42.png?w=1718&amp;ssl=1 1718w, https:\/\/i0.wp.com\/itayachtscanada.com\/wp-content\/uploads\/2023\/11\/Capture-decran-le-2023-11-15-a-14.48.42.png?resize=300%2C201&amp;ssl=1 300w, https:\/\/i0.wp.com\/itayachtscanada.com\/wp-content\/uploads\/2023\/11\/Capture-decran-le-2023-11-15-a-14.48.42.png?resize=1024%2C685&amp;ssl=1 1024w, https:\/\/i0.wp.com\/itayachtscanada.com\/wp-content\/uploads\/2023\/11\/Capture-decran-le-2023-11-15-a-14.48.42.png?resize=768%2C514&amp;ssl=1 768w, https:\/\/i0.wp.com\/itayachtscanada.com\/wp-content\/uploads\/2023\/11\/Capture-decran-le-2023-11-15-a-14.48.42.png?resize=1536%2C1028&amp;ssl=1 1536w, https:\/\/i0.wp.com\/itayachtscanada.com\/wp-content\/uploads\/2023\/11\/Capture-decran-le-2023-11-15-a-14.48.42.png?resize=1200%2C803&amp;ssl=1 1200w, https:\/\/i0.wp.com\/itayachtscanada.com\/wp-content\/uploads\/2023\/11\/Capture-decran-le-2023-11-15-a-14.48.42.png?resize=700%2C469&amp;ssl=1 700w, https:\/\/i0.wp.com\/itayachtscanada.com\/wp-content\/uploads\/2023\/11\/Capture-decran-le-2023-11-15-a-14.48.42.png?resize=900%2C600&amp;ssl=1 900w, https:\/\/i0.wp.com\/itayachtscanada.com\/wp-content\/uploads\/2023\/11\/Capture-decran-le-2023-11-15-a-14.48.42.png?resize=598%2C400&amp;ssl=1 598w, https:\/\/i0.wp.com\/itayachtscanada.com\/wp-content\/uploads\/2023\/11\/Capture-decran-le-2023-11-15-a-14.48.42.png?w=1400&amp;ssl=1 1400w\" width=\"206\" height=\"137\" loading=\"lazy\" data-original-width=\"206\" data-original-height=\"137\" itemprop=\"http:\/\/schema.org\/image\" title=\"Capture d\u2019\u00e9cran, le 2023-11-15 \u00e0 14.48.42\" alt=\"Capture d\u2019\u00e9cran, le 2023-11-15 \u00e0 14.48.42\" style=\"width: 206px; height: 137px;\" \/> <\/a> <\/div> <\/div> <!-- close group --> <div class=\"gallery-group images-1\" style=\"width: 280px; height: 425px;\" data-original-width=\"280\" data-original-height=\"425\" > <div class=\"tiled-gallery-item tiled-gallery-item-large\" itemprop=\"associatedMedia\" itemscope itemtype=\"http:\/\/schema.org\/ImageObject\"> <a href=\"https:\/\/itayachtscanada.com\/fr\/listing\/sunreef-60-sail-2020-3900000-usd-for-sale\/capture-decran-le-2023-11-15-a-14-50-35\/\" border=\"0\" itemprop=\"url\"> <meta itemprop=\"width\" content=\"276\"> <meta itemprop=\"height\" content=\"421\"> <img decoding=\"async\" class=\"\" data-attachment-id=\"141485\" data-orig-file=\"https:\/\/itayachtscanada.com\/wp-content\/uploads\/2023\/11\/Capture-decran-le-2023-11-15-a-14.50.35.png\" data-orig-size=\"754,1150\" data-comments-opened=\"1\" data-image-meta=\"{&quot;aperture&quot;:&quot;0&quot;,&quot;credit&quot;:&quot;&quot;,&quot;camera&quot;:&quot;&quot;,&quot;caption&quot;:&quot;&quot;,&quot;created_timestamp&quot;:&quot;0&quot;,&quot;copyright&quot;:&quot;&quot;,&quot;focal_length&quot;:&quot;0&quot;,&quot;iso&quot;:&quot;0&quot;,&quot;shutter_speed&quot;:&quot;0&quot;,&quot;title&quot;:&quot;&quot;,&quot;orientation&quot;:&quot;0&quot;}\" data-image-title=\"Capture d\u2019\u00e9cran, le 2023-11-15 \u00e0 14.50.35\" data-image-description=\"\" data-medium-file=\"https:\/\/i0.wp.com\/itayachtscanada.com\/wp-content\/uploads\/2023\/11\/Capture-decran-le-2023-11-15-a-14.50.35.png?fit=197%2C300&#038;ssl=1\" data-large-file=\"https:\/\/i0.wp.com\/itayachtscanada.com\/wp-content\/uploads\/2023\/11\/Capture-decran-le-2023-11-15-a-14.50.35.png?fit=671%2C1024&#038;ssl=1\" src=\"https:\/\/i0.wp.com\/itayachtscanada.com\/wp-content\/uploads\/2023\/11\/Capture-decran-le-2023-11-15-a-14.50.35.png?w=276&#038;h=421&#038;ssl=1\" srcset=\"https:\/\/i0.wp.com\/itayachtscanada.com\/wp-content\/uploads\/2023\/11\/Capture-decran-le-2023-11-15-a-14.50.35.png?w=754&amp;ssl=1 754w, https:\/\/i0.wp.com\/itayachtscanada.com\/wp-content\/uploads\/2023\/11\/Capture-decran-le-2023-11-15-a-14.50.35.png?resize=197%2C300&amp;ssl=1 197w, https:\/\/i0.wp.com\/itayachtscanada.com\/wp-content\/uploads\/2023\/11\/Capture-decran-le-2023-11-15-a-14.50.35.png?resize=671%2C1024&amp;ssl=1 671w, https:\/\/i0.wp.com\/itayachtscanada.com\/wp-content\/uploads\/2023\/11\/Capture-decran-le-2023-11-15-a-14.50.35.png?resize=700%2C1068&amp;ssl=1 700w, https:\/\/i0.wp.com\/itayachtscanada.com\/wp-content\/uploads\/2023\/11\/Capture-decran-le-2023-11-15-a-14.50.35.png?resize=262%2C400&amp;ssl=1 262w\" width=\"276\" height=\"421\" loading=\"lazy\" data-original-width=\"276\" data-original-height=\"421\" itemprop=\"http:\/\/schema.org\/image\" title=\"Capture d\u2019\u00e9cran, le 2023-11-15 \u00e0 14.50.35\" alt=\"Capture d\u2019\u00e9cran, le 2023-11-15 \u00e0 14.50.35\" style=\"width: 276px; height: 421px;\" \/> <\/a> <\/div> <\/div> <!-- close group --> <div class=\"gallery-group images-3\" style=\"width: 210px; height: 425px;\" data-original-width=\"210\" data-original-height=\"425\" > <div class=\"tiled-gallery-item tiled-gallery-item-small\" itemprop=\"associatedMedia\" itemscope itemtype=\"http:\/\/schema.org\/ImageObject\"> <a href=\"https:\/\/itayachtscanada.com\/fr\/listing\/sunreef-60-sail-2020-3900000-usd-for-sale\/capture-decran-le-2023-11-15-a-14-48-23\/\" border=\"0\" itemprop=\"url\"> <meta itemprop=\"width\" content=\"206\"> <meta itemprop=\"height\" content=\"138\"> <img decoding=\"async\" class=\"\" data-attachment-id=\"141506\" data-orig-file=\"https:\/\/itayachtscanada.com\/wp-content\/uploads\/2023\/11\/Capture-decran-le-2023-11-15-a-14.48.23.png\" data-orig-size=\"1718,1150\" data-comments-opened=\"1\" data-image-meta=\"{&quot;aperture&quot;:&quot;0&quot;,&quot;credit&quot;:&quot;&quot;,&quot;camera&quot;:&quot;&quot;,&quot;caption&quot;:&quot;&quot;,&quot;created_timestamp&quot;:&quot;0&quot;,&quot;copyright&quot;:&quot;&quot;,&quot;focal_length&quot;:&quot;0&quot;,&quot;iso&quot;:&quot;0&quot;,&quot;shutter_speed&quot;:&quot;0&quot;,&quot;title&quot;:&quot;&quot;,&quot;orientation&quot;:&quot;0&quot;}\" data-image-title=\"Capture d\u2019\u00e9cran, le 2023-11-15 \u00e0 14.48.23\" data-image-description=\"\" data-medium-file=\"https:\/\/i0.wp.com\/itayachtscanada.com\/wp-content\/uploads\/2023\/11\/Capture-decran-le-2023-11-15-a-14.48.23.png?fit=300%2C201&#038;ssl=1\" data-large-file=\"https:\/\/i0.wp.com\/itayachtscanada.com\/wp-content\/uploads\/2023\/11\/Capture-decran-le-2023-11-15-a-14.48.23.png?fit=700%2C468&#038;ssl=1\" src=\"https:\/\/i0.wp.com\/itayachtscanada.com\/wp-content\/uploads\/2023\/11\/Capture-decran-le-2023-11-15-a-14.48.23.png?w=206&#038;h=138&#038;ssl=1\" srcset=\"https:\/\/i0.wp.com\/itayachtscanada.com\/wp-content\/uploads\/2023\/11\/Capture-decran-le-2023-11-15-a-14.48.23.png?w=1718&amp;ssl=1 1718w, https:\/\/i0.wp.com\/itayachtscanada.com\/wp-content\/uploads\/2023\/11\/Capture-decran-le-2023-11-15-a-14.48.23.png?resize=300%2C201&amp;ssl=1 300w, https:\/\/i0.wp.com\/itayachtscanada.com\/wp-content\/uploads\/2023\/11\/Capture-decran-le-2023-11-15-a-14.48.23.png?resize=1024%2C685&amp;ssl=1 1024w, https:\/\/i0.wp.com\/itayachtscanada.com\/wp-content\/uploads\/2023\/11\/Capture-decran-le-2023-11-15-a-14.48.23.png?resize=768%2C514&amp;ssl=1 768w, https:\/\/i0.wp.com\/itayachtscanada.com\/wp-content\/uploads\/2023\/11\/Capture-decran-le-2023-11-15-a-14.48.23.png?resize=1536%2C1028&amp;ssl=1 1536w, https:\/\/i0.wp.com\/itayachtscanada.com\/wp-content\/uploads\/2023\/11\/Capture-decran-le-2023-11-15-a-14.48.23.png?resize=1200%2C803&amp;ssl=1 1200w, https:\/\/i0.wp.com\/itayachtscanada.com\/wp-content\/uploads\/2023\/11\/Capture-decran-le-2023-11-15-a-14.48.23.png?resize=700%2C469&amp;ssl=1 700w, https:\/\/i0.wp.com\/itayachtscanada.com\/wp-content\/uploads\/2023\/11\/Capture-decran-le-2023-11-15-a-14.48.23.png?resize=900%2C600&amp;ssl=1 900w, https:\/\/i0.wp.com\/itayachtscanada.com\/wp-content\/uploads\/2023\/11\/Capture-decran-le-2023-11-15-a-14.48.23.png?resize=598%2C400&amp;ssl=1 598w, https:\/\/i0.wp.com\/itayachtscanada.com\/wp-content\/uploads\/2023\/11\/Capture-decran-le-2023-11-15-a-14.48.23.png?w=1400&amp;ssl=1 1400w\" width=\"206\" height=\"138\" loading=\"lazy\" data-original-width=\"206\" data-original-height=\"138\" itemprop=\"http:\/\/schema.org\/image\" title=\"Capture d\u2019\u00e9cran, le 2023-11-15 \u00e0 14.48.23\" alt=\"Capture d\u2019\u00e9cran, le 2023-11-15 \u00e0 14.48.23\" style=\"width: 206px; height: 138px;\" \/> <\/a> <\/div> <div class=\"tiled-gallery-item tiled-gallery-item-small\" itemprop=\"associatedMedia\" itemscope itemtype=\"http:\/\/schema.org\/ImageObject\"> <a href=\"https:\/\/itayachtscanada.com\/fr\/listing\/sunreef-60-sail-2020-3900000-usd-for-sale\/capture-decran-le-2023-11-15-a-14-48-27\/\" border=\"0\" itemprop=\"url\"> <meta itemprop=\"width\" content=\"206\"> <meta itemprop=\"height\" content=\"138\"> <img decoding=\"async\" class=\"\" data-attachment-id=\"141505\" data-orig-file=\"https:\/\/itayachtscanada.com\/wp-content\/uploads\/2023\/11\/Capture-decran-le-2023-11-15-a-14.48.27.png\" data-orig-size=\"1718,1150\" data-comments-opened=\"1\" data-image-meta=\"{&quot;aperture&quot;:&quot;0&quot;,&quot;credit&quot;:&quot;&quot;,&quot;camera&quot;:&quot;&quot;,&quot;caption&quot;:&quot;&quot;,&quot;created_timestamp&quot;:&quot;0&quot;,&quot;copyright&quot;:&quot;&quot;,&quot;focal_length&quot;:&quot;0&quot;,&quot;iso&quot;:&quot;0&quot;,&quot;shutter_speed&quot;:&quot;0&quot;,&quot;title&quot;:&quot;&quot;,&quot;orientation&quot;:&quot;0&quot;}\" data-image-title=\"Capture d\u2019\u00e9cran, le 2023-11-15 \u00e0 14.48.27\" data-image-description=\"\" data-medium-file=\"https:\/\/i0.wp.com\/itayachtscanada.com\/wp-content\/uploads\/2023\/11\/Capture-decran-le-2023-11-15-a-14.48.27.png?fit=300%2C201&#038;ssl=1\" data-large-file=\"https:\/\/i0.wp.com\/itayachtscanada.com\/wp-content\/uploads\/2023\/11\/Capture-decran-le-2023-11-15-a-14.48.27.png?fit=700%2C468&#038;ssl=1\" src=\"https:\/\/i0.wp.com\/itayachtscanada.com\/wp-content\/uploads\/2023\/11\/Capture-decran-le-2023-11-15-a-14.48.27.png?w=206&#038;h=138&#038;ssl=1\" srcset=\"https:\/\/i0.wp.com\/itayachtscanada.com\/wp-content\/uploads\/2023\/11\/Capture-decran-le-2023-11-15-a-14.48.27.png?w=1718&amp;ssl=1 1718w, https:\/\/i0.wp.com\/itayachtscanada.com\/wp-content\/uploads\/2023\/11\/Capture-decran-le-2023-11-15-a-14.48.27.png?resize=300%2C201&amp;ssl=1 300w, https:\/\/i0.wp.com\/itayachtscanada.com\/wp-content\/uploads\/2023\/11\/Capture-decran-le-2023-11-15-a-14.48.27.png?resize=1024%2C685&amp;ssl=1 1024w, https:\/\/i0.wp.com\/itayachtscanada.com\/wp-content\/uploads\/2023\/11\/Capture-decran-le-2023-11-15-a-14.48.27.png?resize=768%2C514&amp;ssl=1 768w, https:\/\/i0.wp.com\/itayachtscanada.com\/wp-content\/uploads\/2023\/11\/Capture-decran-le-2023-11-15-a-14.48.27.png?resize=1536%2C1028&amp;ssl=1 1536w, https:\/\/i0.wp.com\/itayachtscanada.com\/wp-content\/uploads\/2023\/11\/Capture-decran-le-2023-11-15-a-14.48.27.png?resize=1200%2C803&amp;ssl=1 1200w, https:\/\/i0.wp.com\/itayachtscanada.com\/wp-content\/uploads\/2023\/11\/Capture-decran-le-2023-11-15-a-14.48.27.png?resize=700%2C469&amp;ssl=1 700w, https:\/\/i0.wp.com\/itayachtscanada.com\/wp-content\/uploads\/2023\/11\/Capture-decran-le-2023-11-15-a-14.48.27.png?resize=900%2C600&amp;ssl=1 900w, https:\/\/i0.wp.com\/itayachtscanada.com\/wp-content\/uploads\/2023\/11\/Capture-decran-le-2023-11-15-a-14.48.27.png?resize=598%2C400&amp;ssl=1 598w, https:\/\/i0.wp.com\/itayachtscanada.com\/wp-content\/uploads\/2023\/11\/Capture-decran-le-2023-11-15-a-14.48.27.png?w=1400&amp;ssl=1 1400w\" width=\"206\" height=\"138\" loading=\"lazy\" data-original-width=\"206\" data-original-height=\"138\" itemprop=\"http:\/\/schema.org\/image\" title=\"Capture d\u2019\u00e9cran, le 2023-11-15 \u00e0 14.48.27\" alt=\"Capture d\u2019\u00e9cran, le 2023-11-15 \u00e0 14.48.27\" style=\"width: 206px; height: 138px;\" \/> <\/a> <\/div> <div class=\"tiled-gallery-item tiled-gallery-item-small\" itemprop=\"associatedMedia\" itemscope itemtype=\"http:\/\/schema.org\/ImageObject\"> <a href=\"https:\/\/itayachtscanada.com\/fr\/listing\/sunreef-60-sail-2020-3900000-usd-for-sale\/capture-decran-le-2023-11-15-a-14-48-32\/\" border=\"0\" itemprop=\"url\"> <meta itemprop=\"width\" content=\"206\"> <meta itemprop=\"height\" content=\"137\"> <img decoding=\"async\" class=\"\" data-attachment-id=\"141504\" data-orig-file=\"https:\/\/itayachtscanada.com\/wp-content\/uploads\/2023\/11\/Capture-decran-le-2023-11-15-a-14.48.32.png\" data-orig-size=\"1718,1150\" data-comments-opened=\"1\" data-image-meta=\"{&quot;aperture&quot;:&quot;0&quot;,&quot;credit&quot;:&quot;&quot;,&quot;camera&quot;:&quot;&quot;,&quot;caption&quot;:&quot;&quot;,&quot;created_timestamp&quot;:&quot;0&quot;,&quot;copyright&quot;:&quot;&quot;,&quot;focal_length&quot;:&quot;0&quot;,&quot;iso&quot;:&quot;0&quot;,&quot;shutter_speed&quot;:&quot;0&quot;,&quot;title&quot;:&quot;&quot;,&quot;orientation&quot;:&quot;0&quot;}\" data-image-title=\"Capture d\u2019\u00e9cran, le 2023-11-15 \u00e0 14.48.32\" data-image-description=\"\" data-medium-file=\"https:\/\/i0.wp.com\/itayachtscanada.com\/wp-content\/uploads\/2023\/11\/Capture-decran-le-2023-11-15-a-14.48.32.png?fit=300%2C201&#038;ssl=1\" data-large-file=\"https:\/\/i0.wp.com\/itayachtscanada.com\/wp-content\/uploads\/2023\/11\/Capture-decran-le-2023-11-15-a-14.48.32.png?fit=700%2C468&#038;ssl=1\" src=\"https:\/\/i0.wp.com\/itayachtscanada.com\/wp-content\/uploads\/2023\/11\/Capture-decran-le-2023-11-15-a-14.48.32.png?w=206&#038;h=137&#038;ssl=1\" srcset=\"https:\/\/i0.wp.com\/itayachtscanada.com\/wp-content\/uploads\/2023\/11\/Capture-decran-le-2023-11-15-a-14.48.32.png?w=1718&amp;ssl=1 1718w, https:\/\/i0.wp.com\/itayachtscanada.com\/wp-content\/uploads\/2023\/11\/Capture-decran-le-2023-11-15-a-14.48.32.png?resize=300%2C201&amp;ssl=1 300w, https:\/\/i0.wp.com\/itayachtscanada.com\/wp-content\/uploads\/2023\/11\/Capture-decran-le-2023-11-15-a-14.48.32.png?resize=1024%2C685&amp;ssl=1 1024w, https:\/\/i0.wp.com\/itayachtscanada.com\/wp-content\/uploads\/2023\/11\/Capture-decran-le-2023-11-15-a-14.48.32.png?resize=768%2C514&amp;ssl=1 768w, https:\/\/i0.wp.com\/itayachtscanada.com\/wp-content\/uploads\/2023\/11\/Capture-decran-le-2023-11-15-a-14.48.32.png?resize=1536%2C1028&amp;ssl=1 1536w, https:\/\/i0.wp.com\/itayachtscanada.com\/wp-content\/uploads\/2023\/11\/Capture-decran-le-2023-11-15-a-14.48.32.png?resize=1200%2C803&amp;ssl=1 1200w, https:\/\/i0.wp.com\/itayachtscanada.com\/wp-content\/uploads\/2023\/11\/Capture-decran-le-2023-11-15-a-14.48.32.png?resize=700%2C469&amp;ssl=1 700w, https:\/\/i0.wp.com\/itayachtscanada.com\/wp-content\/uploads\/2023\/11\/Capture-decran-le-2023-11-15-a-14.48.32.png?resize=900%2C600&amp;ssl=1 900w, https:\/\/i0.wp.com\/itayachtscanada.com\/wp-content\/uploads\/2023\/11\/Capture-decran-le-2023-11-15-a-14.48.32.png?resize=598%2C400&amp;ssl=1 598w, https:\/\/i0.wp.com\/itayachtscanada.com\/wp-content\/uploads\/2023\/11\/Capture-decran-le-2023-11-15-a-14.48.32.png?w=1400&amp;ssl=1 1400w\" width=\"206\" height=\"137\" loading=\"lazy\" data-original-width=\"206\" data-original-height=\"137\" itemprop=\"http:\/\/schema.org\/image\" title=\"Capture d\u2019\u00e9cran, le 2023-11-15 \u00e0 14.48.32\" alt=\"Capture d\u2019\u00e9cran, le 2023-11-15 \u00e0 14.48.32\" style=\"width: 206px; height: 137px;\" \/> <\/a> <\/div> <\/div> <!-- close group --> <\/div> <!-- close row --> <div class=\"gallery-row\" style=\"width: 700px; height: 202px;\" data-original-width=\"700\" data-original-height=\"202\" > <div class=\"gallery-group images-1\" style=\"width: 133px; height: 202px;\" data-original-width=\"133\" data-original-height=\"202\" > <div class=\"tiled-gallery-item tiled-gallery-item-small\" itemprop=\"associatedMedia\" itemscope itemtype=\"http:\/\/schema.org\/ImageObject\"> <a href=\"https:\/\/itayachtscanada.com\/fr\/listing\/sunreef-60-sail-2020-3900000-usd-for-sale\/capture-decran-le-2023-11-15-a-14-51-49\/\" border=\"0\" itemprop=\"url\"> <meta itemprop=\"width\" content=\"129\"> <meta itemprop=\"height\" content=\"198\"> <img decoding=\"async\" class=\"\" data-attachment-id=\"141477\" data-orig-file=\"https:\/\/itayachtscanada.com\/wp-content\/uploads\/2023\/11\/Capture-decran-le-2023-11-15-a-14.51.49.png\" data-orig-size=\"750,1150\" data-comments-opened=\"1\" data-image-meta=\"{&quot;aperture&quot;:&quot;0&quot;,&quot;credit&quot;:&quot;&quot;,&quot;camera&quot;:&quot;&quot;,&quot;caption&quot;:&quot;&quot;,&quot;created_timestamp&quot;:&quot;0&quot;,&quot;copyright&quot;:&quot;&quot;,&quot;focal_length&quot;:&quot;0&quot;,&quot;iso&quot;:&quot;0&quot;,&quot;shutter_speed&quot;:&quot;0&quot;,&quot;title&quot;:&quot;&quot;,&quot;orientation&quot;:&quot;0&quot;}\" data-image-title=\"Capture d\u2019\u00e9cran, le 2023-11-15 \u00e0 14.51.49\" data-image-description=\"\" data-medium-file=\"https:\/\/i0.wp.com\/itayachtscanada.com\/wp-content\/uploads\/2023\/11\/Capture-decran-le-2023-11-15-a-14.51.49.png?fit=196%2C300&#038;ssl=1\" data-large-file=\"https:\/\/i0.wp.com\/itayachtscanada.com\/wp-content\/uploads\/2023\/11\/Capture-decran-le-2023-11-15-a-14.51.49.png?fit=668%2C1024&#038;ssl=1\" src=\"https:\/\/i0.wp.com\/itayachtscanada.com\/wp-content\/uploads\/2023\/11\/Capture-decran-le-2023-11-15-a-14.51.49.png?w=129&#038;h=198&#038;ssl=1\" srcset=\"https:\/\/i0.wp.com\/itayachtscanada.com\/wp-content\/uploads\/2023\/11\/Capture-decran-le-2023-11-15-a-14.51.49.png?w=750&amp;ssl=1 750w, https:\/\/i0.wp.com\/itayachtscanada.com\/wp-content\/uploads\/2023\/11\/Capture-decran-le-2023-11-15-a-14.51.49.png?resize=196%2C300&amp;ssl=1 196w, https:\/\/i0.wp.com\/itayachtscanada.com\/wp-content\/uploads\/2023\/11\/Capture-decran-le-2023-11-15-a-14.51.49.png?resize=668%2C1024&amp;ssl=1 668w, https:\/\/i0.wp.com\/itayachtscanada.com\/wp-content\/uploads\/2023\/11\/Capture-decran-le-2023-11-15-a-14.51.49.png?resize=700%2C1073&amp;ssl=1 700w, https:\/\/i0.wp.com\/itayachtscanada.com\/wp-content\/uploads\/2023\/11\/Capture-decran-le-2023-11-15-a-14.51.49.png?resize=261%2C400&amp;ssl=1 261w\" width=\"129\" height=\"198\" loading=\"lazy\" data-original-width=\"129\" data-original-height=\"198\" itemprop=\"http:\/\/schema.org\/image\" title=\"Capture d\u2019\u00e9cran, le 2023-11-15 \u00e0 14.51.49\" alt=\"Capture d\u2019\u00e9cran, le 2023-11-15 \u00e0 14.51.49\" style=\"width: 129px; height: 198px;\" \/> <\/a> <\/div> <\/div> <!-- close group --> <div class=\"gallery-group images-1\" style=\"width: 133px; height: 202px;\" data-original-width=\"133\" data-original-height=\"202\" > <div class=\"tiled-gallery-item tiled-gallery-item-small\" itemprop=\"associatedMedia\" itemscope itemtype=\"http:\/\/schema.org\/ImageObject\"> <a href=\"https:\/\/itayachtscanada.com\/fr\/listing\/sunreef-60-sail-2020-3900000-usd-for-sale\/capture-decran-le-2023-11-15-a-14-51-43\/\" border=\"0\" itemprop=\"url\"> <meta itemprop=\"width\" content=\"129\"> <meta itemprop=\"height\" content=\"198\"> <img decoding=\"async\" class=\"\" data-attachment-id=\"141478\" data-orig-file=\"https:\/\/itayachtscanada.com\/wp-content\/uploads\/2023\/11\/Capture-decran-le-2023-11-15-a-14.51.43.png\" data-orig-size=\"750,1150\" data-comments-opened=\"1\" data-image-meta=\"{&quot;aperture&quot;:&quot;0&quot;,&quot;credit&quot;:&quot;&quot;,&quot;camera&quot;:&quot;&quot;,&quot;caption&quot;:&quot;&quot;,&quot;created_timestamp&quot;:&quot;0&quot;,&quot;copyright&quot;:&quot;&quot;,&quot;focal_length&quot;:&quot;0&quot;,&quot;iso&quot;:&quot;0&quot;,&quot;shutter_speed&quot;:&quot;0&quot;,&quot;title&quot;:&quot;&quot;,&quot;orientation&quot;:&quot;0&quot;}\" data-image-title=\"Capture d\u2019\u00e9cran, le 2023-11-15 \u00e0 14.51.43\" data-image-description=\"\" data-medium-file=\"https:\/\/i0.wp.com\/itayachtscanada.com\/wp-content\/uploads\/2023\/11\/Capture-decran-le-2023-11-15-a-14.51.43.png?fit=196%2C300&#038;ssl=1\" data-large-file=\"https:\/\/i0.wp.com\/itayachtscanada.com\/wp-content\/uploads\/2023\/11\/Capture-decran-le-2023-11-15-a-14.51.43.png?fit=668%2C1024&#038;ssl=1\" src=\"https:\/\/i0.wp.com\/itayachtscanada.com\/wp-content\/uploads\/2023\/11\/Capture-decran-le-2023-11-15-a-14.51.43.png?w=129&#038;h=198&#038;ssl=1\" srcset=\"https:\/\/i0.wp.com\/itayachtscanada.com\/wp-content\/uploads\/2023\/11\/Capture-decran-le-2023-11-15-a-14.51.43.png?w=750&amp;ssl=1 750w, https:\/\/i0.wp.com\/itayachtscanada.com\/wp-content\/uploads\/2023\/11\/Capture-decran-le-2023-11-15-a-14.51.43.png?resize=196%2C300&amp;ssl=1 196w, https:\/\/i0.wp.com\/itayachtscanada.com\/wp-content\/uploads\/2023\/11\/Capture-decran-le-2023-11-15-a-14.51.43.png?resize=668%2C1024&amp;ssl=1 668w, https:\/\/i0.wp.com\/itayachtscanada.com\/wp-content\/uploads\/2023\/11\/Capture-decran-le-2023-11-15-a-14.51.43.png?resize=700%2C1073&amp;ssl=1 700w, https:\/\/i0.wp.com\/itayachtscanada.com\/wp-content\/uploads\/2023\/11\/Capture-decran-le-2023-11-15-a-14.51.43.png?resize=261%2C400&amp;ssl=1 261w\" width=\"129\" height=\"198\" loading=\"lazy\" data-original-width=\"129\" data-original-height=\"198\" itemprop=\"http:\/\/schema.org\/image\" title=\"Capture d\u2019\u00e9cran, le 2023-11-15 \u00e0 14.51.43\" alt=\"Capture d\u2019\u00e9cran, le 2023-11-15 \u00e0 14.51.43\" style=\"width: 129px; height: 198px;\" \/> <\/a> <\/div> <\/div> <!-- close group --> <div class=\"gallery-group images-1\" style=\"width: 133px; height: 202px;\" data-original-width=\"133\" data-original-height=\"202\" > <div class=\"tiled-gallery-item tiled-gallery-item-small\" itemprop=\"associatedMedia\" itemscope itemtype=\"http:\/\/schema.org\/ImageObject\"> <a href=\"https:\/\/itayachtscanada.com\/fr\/listing\/sunreef-60-sail-2020-3900000-usd-for-sale\/capture-decran-le-2023-11-15-a-14-51-38\/\" border=\"0\" itemprop=\"url\"> <meta itemprop=\"width\" content=\"129\"> <meta itemprop=\"height\" content=\"198\"> <img decoding=\"async\" class=\"\" data-attachment-id=\"141479\" data-orig-file=\"https:\/\/itayachtscanada.com\/wp-content\/uploads\/2023\/11\/Capture-decran-le-2023-11-15-a-14.51.38.png\" data-orig-size=\"750,1150\" data-comments-opened=\"1\" data-image-meta=\"{&quot;aperture&quot;:&quot;0&quot;,&quot;credit&quot;:&quot;&quot;,&quot;camera&quot;:&quot;&quot;,&quot;caption&quot;:&quot;&quot;,&quot;created_timestamp&quot;:&quot;0&quot;,&quot;copyright&quot;:&quot;&quot;,&quot;focal_length&quot;:&quot;0&quot;,&quot;iso&quot;:&quot;0&quot;,&quot;shutter_speed&quot;:&quot;0&quot;,&quot;title&quot;:&quot;&quot;,&quot;orientation&quot;:&quot;0&quot;}\" data-image-title=\"Capture d\u2019\u00e9cran, le 2023-11-15 \u00e0 14.51.38\" data-image-description=\"\" data-medium-file=\"https:\/\/i0.wp.com\/itayachtscanada.com\/wp-content\/uploads\/2023\/11\/Capture-decran-le-2023-11-15-a-14.51.38.png?fit=196%2C300&#038;ssl=1\" data-large-file=\"https:\/\/i0.wp.com\/itayachtscanada.com\/wp-content\/uploads\/2023\/11\/Capture-decran-le-2023-11-15-a-14.51.38.png?fit=668%2C1024&#038;ssl=1\" src=\"https:\/\/i0.wp.com\/itayachtscanada.com\/wp-content\/uploads\/2023\/11\/Capture-decran-le-2023-11-15-a-14.51.38.png?w=129&#038;h=198&#038;ssl=1\" srcset=\"https:\/\/i0.wp.com\/itayachtscanada.com\/wp-content\/uploads\/2023\/11\/Capture-decran-le-2023-11-15-a-14.51.38.png?w=750&amp;ssl=1 750w, https:\/\/i0.wp.com\/itayachtscanada.com\/wp-content\/uploads\/2023\/11\/Capture-decran-le-2023-11-15-a-14.51.38.png?resize=196%2C300&amp;ssl=1 196w, https:\/\/i0.wp.com\/itayachtscanada.com\/wp-content\/uploads\/2023\/11\/Capture-decran-le-2023-11-15-a-14.51.38.png?resize=668%2C1024&amp;ssl=1 668w, https:\/\/i0.wp.com\/itayachtscanada.com\/wp-content\/uploads\/2023\/11\/Capture-decran-le-2023-11-15-a-14.51.38.png?resize=700%2C1073&amp;ssl=1 700w, https:\/\/i0.wp.com\/itayachtscanada.com\/wp-content\/uploads\/2023\/11\/Capture-decran-le-2023-11-15-a-14.51.38.png?resize=261%2C400&amp;ssl=1 261w\" width=\"129\" height=\"198\" loading=\"lazy\" data-original-width=\"129\" data-original-height=\"198\" itemprop=\"http:\/\/schema.org\/image\" title=\"Capture d\u2019\u00e9cran, le 2023-11-15 \u00e0 14.51.38\" alt=\"Capture d\u2019\u00e9cran, le 2023-11-15 \u00e0 14.51.38\" style=\"width: 129px; height: 198px;\" \/> <\/a> <\/div> <\/div> <!-- close group --> <div class=\"gallery-group images-1\" style=\"width: 301px; height: 202px;\" data-original-width=\"301\" data-original-height=\"202\" > <div class=\"tiled-gallery-item tiled-gallery-item-large\" itemprop=\"associatedMedia\" itemscope itemtype=\"http:\/\/schema.org\/ImageObject\"> <a href=\"https:\/\/itayachtscanada.com\/fr\/listing\/sunreef-60-sail-2020-3900000-usd-for-sale\/capture-decran-le-2023-11-15-a-14-51-25\/\" border=\"0\" itemprop=\"url\"> <meta itemprop=\"width\" content=\"297\"> <meta itemprop=\"height\" content=\"198\"> <img decoding=\"async\" class=\"\" data-attachment-id=\"141480\" data-orig-file=\"https:\/\/itayachtscanada.com\/wp-content\/uploads\/2023\/11\/Capture-decran-le-2023-11-15-a-14.51.25.png\" data-orig-size=\"1722,1150\" data-comments-opened=\"1\" data-image-meta=\"{&quot;aperture&quot;:&quot;0&quot;,&quot;credit&quot;:&quot;&quot;,&quot;camera&quot;:&quot;&quot;,&quot;caption&quot;:&quot;&quot;,&quot;created_timestamp&quot;:&quot;0&quot;,&quot;copyright&quot;:&quot;&quot;,&quot;focal_length&quot;:&quot;0&quot;,&quot;iso&quot;:&quot;0&quot;,&quot;shutter_speed&quot;:&quot;0&quot;,&quot;title&quot;:&quot;&quot;,&quot;orientation&quot;:&quot;0&quot;}\" data-image-title=\"Capture d\u2019\u00e9cran, le 2023-11-15 \u00e0 14.51.25\" data-image-description=\"\" data-medium-file=\"https:\/\/i0.wp.com\/itayachtscanada.com\/wp-content\/uploads\/2023\/11\/Capture-decran-le-2023-11-15-a-14.51.25.png?fit=300%2C200&#038;ssl=1\" data-large-file=\"https:\/\/i0.wp.com\/itayachtscanada.com\/wp-content\/uploads\/2023\/11\/Capture-decran-le-2023-11-15-a-14.51.25.png?fit=700%2C468&#038;ssl=1\" src=\"https:\/\/i0.wp.com\/itayachtscanada.com\/wp-content\/uploads\/2023\/11\/Capture-decran-le-2023-11-15-a-14.51.25.png?w=297&#038;h=198&#038;ssl=1\" srcset=\"https:\/\/i0.wp.com\/itayachtscanada.com\/wp-content\/uploads\/2023\/11\/Capture-decran-le-2023-11-15-a-14.51.25.png?w=1722&amp;ssl=1 1722w, https:\/\/i0.wp.com\/itayachtscanada.com\/wp-content\/uploads\/2023\/11\/Capture-decran-le-2023-11-15-a-14.51.25.png?resize=300%2C200&amp;ssl=1 300w, https:\/\/i0.wp.com\/itayachtscanada.com\/wp-content\/uploads\/2023\/11\/Capture-decran-le-2023-11-15-a-14.51.25.png?resize=1024%2C684&amp;ssl=1 1024w, https:\/\/i0.wp.com\/itayachtscanada.com\/wp-content\/uploads\/2023\/11\/Capture-decran-le-2023-11-15-a-14.51.25.png?resize=768%2C513&amp;ssl=1 768w, https:\/\/i0.wp.com\/itayachtscanada.com\/wp-content\/uploads\/2023\/11\/Capture-decran-le-2023-11-15-a-14.51.25.png?resize=1536%2C1026&amp;ssl=1 1536w, https:\/\/i0.wp.com\/itayachtscanada.com\/wp-content\/uploads\/2023\/11\/Capture-decran-le-2023-11-15-a-14.51.25.png?resize=1200%2C801&amp;ssl=1 1200w, https:\/\/i0.wp.com\/itayachtscanada.com\/wp-content\/uploads\/2023\/11\/Capture-decran-le-2023-11-15-a-14.51.25.png?resize=700%2C467&amp;ssl=1 700w, https:\/\/i0.wp.com\/itayachtscanada.com\/wp-content\/uploads\/2023\/11\/Capture-decran-le-2023-11-15-a-14.51.25.png?resize=900%2C600&amp;ssl=1 900w, https:\/\/i0.wp.com\/itayachtscanada.com\/wp-content\/uploads\/2023\/11\/Capture-decran-le-2023-11-15-a-14.51.25.png?resize=599%2C400&amp;ssl=1 599w, https:\/\/i0.wp.com\/itayachtscanada.com\/wp-content\/uploads\/2023\/11\/Capture-decran-le-2023-11-15-a-14.51.25.png?w=1400&amp;ssl=1 1400w\" width=\"297\" height=\"198\" loading=\"lazy\" data-original-width=\"297\" data-original-height=\"198\" itemprop=\"http:\/\/schema.org\/image\" title=\"Capture d\u2019\u00e9cran, le 2023-11-15 \u00e0 14.51.25\" alt=\"Capture d\u2019\u00e9cran, le 2023-11-15 \u00e0 14.51.25\" style=\"width: 297px; height: 198px;\" \/> <\/a> <\/div> <\/div> <!-- close group --> <\/div> <!-- close row --> <div class=\"gallery-row\" style=\"width: 700px; height: 341px;\" data-original-width=\"700\" data-original-height=\"341\" > <div class=\"gallery-group images-1\" style=\"width: 223px; height: 341px;\" data-original-width=\"223\" data-original-height=\"341\" > <div class=\"tiled-gallery-item tiled-gallery-item-small\" itemprop=\"associatedMedia\" itemscope itemtype=\"http:\/\/schema.org\/ImageObject\"> <a href=\"https:\/\/itayachtscanada.com\/fr\/listing\/sunreef-60-sail-2020-3900000-usd-for-sale\/capture-decran-le-2023-11-15-a-14-51-13\/\" border=\"0\" itemprop=\"url\"> <meta itemprop=\"width\" content=\"219\"> <meta itemprop=\"height\" content=\"337\"> <img decoding=\"async\" class=\"\" data-attachment-id=\"141481\" data-orig-file=\"https:\/\/itayachtscanada.com\/wp-content\/uploads\/2023\/11\/Capture-decran-le-2023-11-15-a-14.51.13.png\" data-orig-size=\"748,1150\" data-comments-opened=\"1\" data-image-meta=\"{&quot;aperture&quot;:&quot;0&quot;,&quot;credit&quot;:&quot;&quot;,&quot;camera&quot;:&quot;&quot;,&quot;caption&quot;:&quot;&quot;,&quot;created_timestamp&quot;:&quot;0&quot;,&quot;copyright&quot;:&quot;&quot;,&quot;focal_length&quot;:&quot;0&quot;,&quot;iso&quot;:&quot;0&quot;,&quot;shutter_speed&quot;:&quot;0&quot;,&quot;title&quot;:&quot;&quot;,&quot;orientation&quot;:&quot;0&quot;}\" data-image-title=\"Capture d\u2019\u00e9cran, le 2023-11-15 \u00e0 14.51.13\" data-image-description=\"\" data-medium-file=\"https:\/\/i0.wp.com\/itayachtscanada.com\/wp-content\/uploads\/2023\/11\/Capture-decran-le-2023-11-15-a-14.51.13.png?fit=195%2C300&#038;ssl=1\" data-large-file=\"https:\/\/i0.wp.com\/itayachtscanada.com\/wp-content\/uploads\/2023\/11\/Capture-decran-le-2023-11-15-a-14.51.13.png?fit=666%2C1024&#038;ssl=1\" src=\"https:\/\/i0.wp.com\/itayachtscanada.com\/wp-content\/uploads\/2023\/11\/Capture-decran-le-2023-11-15-a-14.51.13.png?w=219&#038;h=337&#038;ssl=1\" srcset=\"https:\/\/i0.wp.com\/itayachtscanada.com\/wp-content\/uploads\/2023\/11\/Capture-decran-le-2023-11-15-a-14.51.13.png?w=748&amp;ssl=1 748w, https:\/\/i0.wp.com\/itayachtscanada.com\/wp-content\/uploads\/2023\/11\/Capture-decran-le-2023-11-15-a-14.51.13.png?resize=195%2C300&amp;ssl=1 195w, https:\/\/i0.wp.com\/itayachtscanada.com\/wp-content\/uploads\/2023\/11\/Capture-decran-le-2023-11-15-a-14.51.13.png?resize=666%2C1024&amp;ssl=1 666w, https:\/\/i0.wp.com\/itayachtscanada.com\/wp-content\/uploads\/2023\/11\/Capture-decran-le-2023-11-15-a-14.51.13.png?resize=700%2C1076&amp;ssl=1 700w, https:\/\/i0.wp.com\/itayachtscanada.com\/wp-content\/uploads\/2023\/11\/Capture-decran-le-2023-11-15-a-14.51.13.png?resize=260%2C400&amp;ssl=1 260w\" width=\"219\" height=\"337\" loading=\"lazy\" data-original-width=\"219\" data-original-height=\"337\" itemprop=\"http:\/\/schema.org\/image\" title=\"Capture d\u2019\u00e9cran, le 2023-11-15 \u00e0 14.51.13\" alt=\"Capture d\u2019\u00e9cran, le 2023-11-15 \u00e0 14.51.13\" style=\"width: 219px; height: 337px;\" \/> <\/a> <\/div> <\/div> <!-- close group --> <div class=\"gallery-group images-2\" style=\"width: 252px; height: 341px;\" data-original-width=\"252\" data-original-height=\"341\" > <div class=\"tiled-gallery-item tiled-gallery-item-small\" itemprop=\"associatedMedia\" itemscope itemtype=\"http:\/\/schema.org\/ImageObject\"> <a href=\"https:\/\/itayachtscanada.com\/fr\/listing\/sunreef-60-sail-2020-3900000-usd-for-sale\/capture-decran-le-2023-11-15-a-14-50-58\/\" border=\"0\" itemprop=\"url\"> <meta itemprop=\"width\" content=\"248\"> <meta itemprop=\"height\" content=\"167\"> <img decoding=\"async\" class=\"\" data-attachment-id=\"141482\" data-orig-file=\"https:\/\/itayachtscanada.com\/wp-content\/uploads\/2023\/11\/Capture-decran-le-2023-11-15-a-14.50.58.png\" data-orig-size=\"1712,1150\" data-comments-opened=\"1\" data-image-meta=\"{&quot;aperture&quot;:&quot;0&quot;,&quot;credit&quot;:&quot;&quot;,&quot;camera&quot;:&quot;&quot;,&quot;caption&quot;:&quot;&quot;,&quot;created_timestamp&quot;:&quot;0&quot;,&quot;copyright&quot;:&quot;&quot;,&quot;focal_length&quot;:&quot;0&quot;,&quot;iso&quot;:&quot;0&quot;,&quot;shutter_speed&quot;:&quot;0&quot;,&quot;title&quot;:&quot;&quot;,&quot;orientation&quot;:&quot;0&quot;}\" data-image-title=\"Capture d\u2019\u00e9cran, le 2023-11-15 \u00e0 14.50.58\" data-image-description=\"\" data-medium-file=\"https:\/\/i0.wp.com\/itayachtscanada.com\/wp-content\/uploads\/2023\/11\/Capture-decran-le-2023-11-15-a-14.50.58.png?fit=300%2C202&#038;ssl=1\" data-large-file=\"https:\/\/i0.wp.com\/itayachtscanada.com\/wp-content\/uploads\/2023\/11\/Capture-decran-le-2023-11-15-a-14.50.58.png?fit=700%2C470&#038;ssl=1\" src=\"https:\/\/i0.wp.com\/itayachtscanada.com\/wp-content\/uploads\/2023\/11\/Capture-decran-le-2023-11-15-a-14.50.58.png?w=248&#038;h=167&#038;ssl=1\" srcset=\"https:\/\/i0.wp.com\/itayachtscanada.com\/wp-content\/uploads\/2023\/11\/Capture-decran-le-2023-11-15-a-14.50.58.png?w=1712&amp;ssl=1 1712w, https:\/\/i0.wp.com\/itayachtscanada.com\/wp-content\/uploads\/2023\/11\/Capture-decran-le-2023-11-15-a-14.50.58.png?resize=300%2C202&amp;ssl=1 300w, https:\/\/i0.wp.com\/itayachtscanada.com\/wp-content\/uploads\/2023\/11\/Capture-decran-le-2023-11-15-a-14.50.58.png?resize=1024%2C688&amp;ssl=1 1024w, https:\/\/i0.wp.com\/itayachtscanada.com\/wp-content\/uploads\/2023\/11\/Capture-decran-le-2023-11-15-a-14.50.58.png?resize=768%2C516&amp;ssl=1 768w, https:\/\/i0.wp.com\/itayachtscanada.com\/wp-content\/uploads\/2023\/11\/Capture-decran-le-2023-11-15-a-14.50.58.png?resize=1536%2C1032&amp;ssl=1 1536w, https:\/\/i0.wp.com\/itayachtscanada.com\/wp-content\/uploads\/2023\/11\/Capture-decran-le-2023-11-15-a-14.50.58.png?resize=1200%2C806&amp;ssl=1 1200w, https:\/\/i0.wp.com\/itayachtscanada.com\/wp-content\/uploads\/2023\/11\/Capture-decran-le-2023-11-15-a-14.50.58.png?resize=700%2C470&amp;ssl=1 700w, https:\/\/i0.wp.com\/itayachtscanada.com\/wp-content\/uploads\/2023\/11\/Capture-decran-le-2023-11-15-a-14.50.58.png?resize=595%2C400&amp;ssl=1 595w, https:\/\/i0.wp.com\/itayachtscanada.com\/wp-content\/uploads\/2023\/11\/Capture-decran-le-2023-11-15-a-14.50.58.png?w=1400&amp;ssl=1 1400w\" width=\"248\" height=\"167\" loading=\"lazy\" data-original-width=\"248\" data-original-height=\"167\" itemprop=\"http:\/\/schema.org\/image\" title=\"Capture d\u2019\u00e9cran, le 2023-11-15 \u00e0 14.50.58\" alt=\"Capture d\u2019\u00e9cran, le 2023-11-15 \u00e0 14.50.58\" style=\"width: 248px; height: 167px;\" \/> <\/a> <\/div> <div class=\"tiled-gallery-item tiled-gallery-item-small\" itemprop=\"associatedMedia\" itemscope itemtype=\"http:\/\/schema.org\/ImageObject\"> <a href=\"https:\/\/itayachtscanada.com\/fr\/listing\/sunreef-60-sail-2020-3900000-usd-for-sale\/capture-decran-le-2023-11-15-a-14-50-52\/\" border=\"0\" itemprop=\"url\"> <meta itemprop=\"width\" content=\"248\"> <meta itemprop=\"height\" content=\"166\"> <img decoding=\"async\" class=\"\" data-attachment-id=\"141483\" data-orig-file=\"https:\/\/itayachtscanada.com\/wp-content\/uploads\/2023\/11\/Capture-decran-le-2023-11-15-a-14.50.52.png\" data-orig-size=\"1712,1150\" data-comments-opened=\"1\" data-image-meta=\"{&quot;aperture&quot;:&quot;0&quot;,&quot;credit&quot;:&quot;&quot;,&quot;camera&quot;:&quot;&quot;,&quot;caption&quot;:&quot;&quot;,&quot;created_timestamp&quot;:&quot;0&quot;,&quot;copyright&quot;:&quot;&quot;,&quot;focal_length&quot;:&quot;0&quot;,&quot;iso&quot;:&quot;0&quot;,&quot;shutter_speed&quot;:&quot;0&quot;,&quot;title&quot;:&quot;&quot;,&quot;orientation&quot;:&quot;0&quot;}\" data-image-title=\"Capture d\u2019\u00e9cran, le 2023-11-15 \u00e0 14.50.52\" data-image-description=\"\" data-medium-file=\"https:\/\/i0.wp.com\/itayachtscanada.com\/wp-content\/uploads\/2023\/11\/Capture-decran-le-2023-11-15-a-14.50.52.png?fit=300%2C202&#038;ssl=1\" data-large-file=\"https:\/\/i0.wp.com\/itayachtscanada.com\/wp-content\/uploads\/2023\/11\/Capture-decran-le-2023-11-15-a-14.50.52.png?fit=700%2C470&#038;ssl=1\" src=\"https:\/\/i0.wp.com\/itayachtscanada.com\/wp-content\/uploads\/2023\/11\/Capture-decran-le-2023-11-15-a-14.50.52.png?w=248&#038;h=166&#038;ssl=1\" srcset=\"https:\/\/i0.wp.com\/itayachtscanada.com\/wp-content\/uploads\/2023\/11\/Capture-decran-le-2023-11-15-a-14.50.52.png?w=1712&amp;ssl=1 1712w, https:\/\/i0.wp.com\/itayachtscanada.com\/wp-content\/uploads\/2023\/11\/Capture-decran-le-2023-11-15-a-14.50.52.png?resize=300%2C202&amp;ssl=1 300w, https:\/\/i0.wp.com\/itayachtscanada.com\/wp-content\/uploads\/2023\/11\/Capture-decran-le-2023-11-15-a-14.50.52.png?resize=1024%2C688&amp;ssl=1 1024w, https:\/\/i0.wp.com\/itayachtscanada.com\/wp-content\/uploads\/2023\/11\/Capture-decran-le-2023-11-15-a-14.50.52.png?resize=768%2C516&amp;ssl=1 768w, https:\/\/i0.wp.com\/itayachtscanada.com\/wp-content\/uploads\/2023\/11\/Capture-decran-le-2023-11-15-a-14.50.52.png?resize=1536%2C1032&amp;ssl=1 1536w, https:\/\/i0.wp.com\/itayachtscanada.com\/wp-content\/uploads\/2023\/11\/Capture-decran-le-2023-11-15-a-14.50.52.png?resize=1200%2C806&amp;ssl=1 1200w, https:\/\/i0.wp.com\/itayachtscanada.com\/wp-content\/uploads\/2023\/11\/Capture-decran-le-2023-11-15-a-14.50.52.png?resize=700%2C470&amp;ssl=1 700w, https:\/\/i0.wp.com\/itayachtscanada.com\/wp-content\/uploads\/2023\/11\/Capture-decran-le-2023-11-15-a-14.50.52.png?resize=900%2C600&amp;ssl=1 900w, https:\/\/i0.wp.com\/itayachtscanada.com\/wp-content\/uploads\/2023\/11\/Capture-decran-le-2023-11-15-a-14.50.52.png?resize=595%2C400&amp;ssl=1 595w, https:\/\/i0.wp.com\/itayachtscanada.com\/wp-content\/uploads\/2023\/11\/Capture-decran-le-2023-11-15-a-14.50.52.png?w=1400&amp;ssl=1 1400w\" width=\"248\" height=\"166\" loading=\"lazy\" data-original-width=\"248\" data-original-height=\"166\" itemprop=\"http:\/\/schema.org\/image\" title=\"Capture d\u2019\u00e9cran, le 2023-11-15 \u00e0 14.50.52\" alt=\"Capture d\u2019\u00e9cran, le 2023-11-15 \u00e0 14.50.52\" style=\"width: 248px; height: 166px;\" \/> <\/a> <\/div> <\/div> <!-- close group --> <div class=\"gallery-group images-1\" style=\"width: 225px; height: 341px;\" data-original-width=\"225\" data-original-height=\"341\" > <div class=\"tiled-gallery-item tiled-gallery-item-small\" itemprop=\"associatedMedia\" itemscope itemtype=\"http:\/\/schema.org\/ImageObject\"> <a href=\"https:\/\/itayachtscanada.com\/fr\/listing\/sunreef-60-sail-2020-3900000-usd-for-sale\/capture-decran-le-2023-11-15-a-14-50-40\/\" border=\"0\" itemprop=\"url\"> <meta itemprop=\"width\" content=\"221\"> <meta itemprop=\"height\" content=\"337\"> <img decoding=\"async\" class=\"\" data-attachment-id=\"141484\" data-orig-file=\"https:\/\/itayachtscanada.com\/wp-content\/uploads\/2023\/11\/Capture-decran-le-2023-11-15-a-14.50.40.png\" data-orig-size=\"754,1150\" data-comments-opened=\"1\" data-image-meta=\"{&quot;aperture&quot;:&quot;0&quot;,&quot;credit&quot;:&quot;&quot;,&quot;camera&quot;:&quot;&quot;,&quot;caption&quot;:&quot;&quot;,&quot;created_timestamp&quot;:&quot;0&quot;,&quot;copyright&quot;:&quot;&quot;,&quot;focal_length&quot;:&quot;0&quot;,&quot;iso&quot;:&quot;0&quot;,&quot;shutter_speed&quot;:&quot;0&quot;,&quot;title&quot;:&quot;&quot;,&quot;orientation&quot;:&quot;0&quot;}\" data-image-title=\"Capture d\u2019\u00e9cran, le 2023-11-15 \u00e0 14.50.40\" data-image-description=\"\" data-medium-file=\"https:\/\/i0.wp.com\/itayachtscanada.com\/wp-content\/uploads\/2023\/11\/Capture-decran-le-2023-11-15-a-14.50.40.png?fit=197%2C300&#038;ssl=1\" data-large-file=\"https:\/\/i0.wp.com\/itayachtscanada.com\/wp-content\/uploads\/2023\/11\/Capture-decran-le-2023-11-15-a-14.50.40.png?fit=671%2C1024&#038;ssl=1\" src=\"https:\/\/i0.wp.com\/itayachtscanada.com\/wp-content\/uploads\/2023\/11\/Capture-decran-le-2023-11-15-a-14.50.40.png?w=221&#038;h=337&#038;ssl=1\" srcset=\"https:\/\/i0.wp.com\/itayachtscanada.com\/wp-content\/uploads\/2023\/11\/Capture-decran-le-2023-11-15-a-14.50.40.png?w=754&amp;ssl=1 754w, https:\/\/i0.wp.com\/itayachtscanada.com\/wp-content\/uploads\/2023\/11\/Capture-decran-le-2023-11-15-a-14.50.40.png?resize=197%2C300&amp;ssl=1 197w, https:\/\/i0.wp.com\/itayachtscanada.com\/wp-content\/uploads\/2023\/11\/Capture-decran-le-2023-11-15-a-14.50.40.png?resize=671%2C1024&amp;ssl=1 671w, https:\/\/i0.wp.com\/itayachtscanada.com\/wp-content\/uploads\/2023\/11\/Capture-decran-le-2023-11-15-a-14.50.40.png?resize=700%2C1068&amp;ssl=1 700w, https:\/\/i0.wp.com\/itayachtscanada.com\/wp-content\/uploads\/2023\/11\/Capture-decran-le-2023-11-15-a-14.50.40.png?resize=262%2C400&amp;ssl=1 262w\" width=\"221\" height=\"337\" loading=\"lazy\" data-original-width=\"221\" data-original-height=\"337\" itemprop=\"http:\/\/schema.org\/image\" title=\"Capture d\u2019\u00e9cran, le 2023-11-15 \u00e0 14.50.40\" alt=\"Capture d\u2019\u00e9cran, le 2023-11-15 \u00e0 14.50.40\" style=\"width: 221px; height: 337px;\" \/> <\/a> <\/div> <\/div> <!-- close group --> <\/div> <!-- close row --> <div class=\"gallery-row\" style=\"width: 700px; height: 326px;\" data-original-width=\"700\" data-original-height=\"326\" > <div class=\"gallery-group images-1\" style=\"width: 216px; height: 326px;\" data-original-width=\"216\" data-original-height=\"326\" > <div class=\"tiled-gallery-item tiled-gallery-item-small\" itemprop=\"associatedMedia\" itemscope itemtype=\"http:\/\/schema.org\/ImageObject\"> <a href=\"https:\/\/itayachtscanada.com\/fr\/listing\/sunreef-60-sail-2020-3900000-usd-for-sale\/capture-decran-le-2023-11-15-a-14-50-11\/\" border=\"0\" itemprop=\"url\"> <meta itemprop=\"width\" content=\"212\"> <meta itemprop=\"height\" content=\"322\"> <img decoding=\"async\" class=\"\" data-attachment-id=\"141488\" data-orig-file=\"https:\/\/itayachtscanada.com\/wp-content\/uploads\/2023\/11\/Capture-decran-le-2023-11-15-a-14.50.11.png\" data-orig-size=\"758,1150\" data-comments-opened=\"1\" data-image-meta=\"{&quot;aperture&quot;:&quot;0&quot;,&quot;credit&quot;:&quot;&quot;,&quot;camera&quot;:&quot;&quot;,&quot;caption&quot;:&quot;&quot;,&quot;created_timestamp&quot;:&quot;0&quot;,&quot;copyright&quot;:&quot;&quot;,&quot;focal_length&quot;:&quot;0&quot;,&quot;iso&quot;:&quot;0&quot;,&quot;shutter_speed&quot;:&quot;0&quot;,&quot;title&quot;:&quot;&quot;,&quot;orientation&quot;:&quot;0&quot;}\" data-image-title=\"Capture d\u2019\u00e9cran, le 2023-11-15 \u00e0 14.50.11\" data-image-description=\"\" data-medium-file=\"https:\/\/i0.wp.com\/itayachtscanada.com\/wp-content\/uploads\/2023\/11\/Capture-decran-le-2023-11-15-a-14.50.11.png?fit=198%2C300&#038;ssl=1\" data-large-file=\"https:\/\/i0.wp.com\/itayachtscanada.com\/wp-content\/uploads\/2023\/11\/Capture-decran-le-2023-11-15-a-14.50.11.png?fit=675%2C1024&#038;ssl=1\" src=\"https:\/\/i0.wp.com\/itayachtscanada.com\/wp-content\/uploads\/2023\/11\/Capture-decran-le-2023-11-15-a-14.50.11.png?w=212&#038;h=322&#038;ssl=1\" srcset=\"https:\/\/i0.wp.com\/itayachtscanada.com\/wp-content\/uploads\/2023\/11\/Capture-decran-le-2023-11-15-a-14.50.11.png?w=758&amp;ssl=1 758w, https:\/\/i0.wp.com\/itayachtscanada.com\/wp-content\/uploads\/2023\/11\/Capture-decran-le-2023-11-15-a-14.50.11.png?resize=198%2C300&amp;ssl=1 198w, https:\/\/i0.wp.com\/itayachtscanada.com\/wp-content\/uploads\/2023\/11\/Capture-decran-le-2023-11-15-a-14.50.11.png?resize=675%2C1024&amp;ssl=1 675w, https:\/\/i0.wp.com\/itayachtscanada.com\/wp-content\/uploads\/2023\/11\/Capture-decran-le-2023-11-15-a-14.50.11.png?resize=700%2C1062&amp;ssl=1 700w, https:\/\/i0.wp.com\/itayachtscanada.com\/wp-content\/uploads\/2023\/11\/Capture-decran-le-2023-11-15-a-14.50.11.png?resize=264%2C400&amp;ssl=1 264w\" width=\"212\" height=\"322\" loading=\"lazy\" data-original-width=\"212\" data-original-height=\"322\" itemprop=\"http:\/\/schema.org\/image\" title=\"Capture d\u2019\u00e9cran, le 2023-11-15 \u00e0 14.50.11\" alt=\"Capture d\u2019\u00e9cran, le 2023-11-15 \u00e0 14.50.11\" style=\"width: 212px; height: 322px;\" \/> <\/a> <\/div> <\/div> <!-- close group --> <div class=\"gallery-group images-1\" style=\"width: 484px; height: 326px;\" data-original-width=\"484\" data-original-height=\"326\" > <div class=\"tiled-gallery-item tiled-gallery-item-large\" itemprop=\"associatedMedia\" itemscope itemtype=\"http:\/\/schema.org\/ImageObject\"> <a href=\"https:\/\/itayachtscanada.com\/fr\/listing\/sunreef-60-sail-2020-3900000-usd-for-sale\/capture-decran-le-2023-11-15-a-14-50-01\/\" border=\"0\" itemprop=\"url\"> <meta itemprop=\"width\" content=\"480\"> <meta itemprop=\"height\" content=\"322\"> <img decoding=\"async\" class=\"\" data-attachment-id=\"141489\" data-orig-file=\"https:\/\/itayachtscanada.com\/wp-content\/uploads\/2023\/11\/Capture-decran-le-2023-11-15-a-14.50.01.png\" data-orig-size=\"1716,1150\" data-comments-opened=\"1\" data-image-meta=\"{&quot;aperture&quot;:&quot;0&quot;,&quot;credit&quot;:&quot;&quot;,&quot;camera&quot;:&quot;&quot;,&quot;caption&quot;:&quot;&quot;,&quot;created_timestamp&quot;:&quot;0&quot;,&quot;copyright&quot;:&quot;&quot;,&quot;focal_length&quot;:&quot;0&quot;,&quot;iso&quot;:&quot;0&quot;,&quot;shutter_speed&quot;:&quot;0&quot;,&quot;title&quot;:&quot;&quot;,&quot;orientation&quot;:&quot;0&quot;}\" data-image-title=\"Capture d\u2019\u00e9cran, le 2023-11-15 \u00e0 14.50.01\" data-image-description=\"\" data-medium-file=\"https:\/\/i0.wp.com\/itayachtscanada.com\/wp-content\/uploads\/2023\/11\/Capture-decran-le-2023-11-15-a-14.50.01.png?fit=300%2C201&#038;ssl=1\" data-large-file=\"https:\/\/i0.wp.com\/itayachtscanada.com\/wp-content\/uploads\/2023\/11\/Capture-decran-le-2023-11-15-a-14.50.01.png?fit=700%2C469&#038;ssl=1\" src=\"https:\/\/i0.wp.com\/itayachtscanada.com\/wp-content\/uploads\/2023\/11\/Capture-decran-le-2023-11-15-a-14.50.01.png?w=480&#038;h=322&#038;ssl=1\" srcset=\"https:\/\/i0.wp.com\/itayachtscanada.com\/wp-content\/uploads\/2023\/11\/Capture-decran-le-2023-11-15-a-14.50.01.png?w=1716&amp;ssl=1 1716w, https:\/\/i0.wp.com\/itayachtscanada.com\/wp-content\/uploads\/2023\/11\/Capture-decran-le-2023-11-15-a-14.50.01.png?resize=300%2C201&amp;ssl=1 300w, https:\/\/i0.wp.com\/itayachtscanada.com\/wp-content\/uploads\/2023\/11\/Capture-decran-le-2023-11-15-a-14.50.01.png?resize=1024%2C686&amp;ssl=1 1024w, https:\/\/i0.wp.com\/itayachtscanada.com\/wp-content\/uploads\/2023\/11\/Capture-decran-le-2023-11-15-a-14.50.01.png?resize=768%2C515&amp;ssl=1 768w, https:\/\/i0.wp.com\/itayachtscanada.com\/wp-content\/uploads\/2023\/11\/Capture-decran-le-2023-11-15-a-14.50.01.png?resize=1536%2C1029&amp;ssl=1 1536w, https:\/\/i0.wp.com\/itayachtscanada.com\/wp-content\/uploads\/2023\/11\/Capture-decran-le-2023-11-15-a-14.50.01.png?resize=1200%2C804&amp;ssl=1 1200w, https:\/\/i0.wp.com\/itayachtscanada.com\/wp-content\/uploads\/2023\/11\/Capture-decran-le-2023-11-15-a-14.50.01.png?resize=700%2C469&amp;ssl=1 700w, https:\/\/i0.wp.com\/itayachtscanada.com\/wp-content\/uploads\/2023\/11\/Capture-decran-le-2023-11-15-a-14.50.01.png?resize=597%2C400&amp;ssl=1 597w, https:\/\/i0.wp.com\/itayachtscanada.com\/wp-content\/uploads\/2023\/11\/Capture-decran-le-2023-11-15-a-14.50.01.png?w=1400&amp;ssl=1 1400w\" width=\"480\" height=\"322\" loading=\"lazy\" data-original-width=\"480\" data-original-height=\"322\" itemprop=\"http:\/\/schema.org\/image\" title=\"Capture d\u2019\u00e9cran, le 2023-11-15 \u00e0 14.50.01\" alt=\"Capture d\u2019\u00e9cran, le 2023-11-15 \u00e0 14.50.01\" style=\"width: 480px; height: 322px;\" \/> <\/a> <\/div> <\/div> <!-- close group --> <\/div> <!-- close row --> <div class=\"gallery-row\" style=\"width: 700px; height: 605px;\" data-original-width=\"700\" data-original-height=\"605\" > <div class=\"gallery-group images-1\" style=\"width: 401px; height: 605px;\" data-original-width=\"401\" data-original-height=\"605\" > <div class=\"tiled-gallery-item tiled-gallery-item-large\" itemprop=\"associatedMedia\" itemscope itemtype=\"http:\/\/schema.org\/ImageObject\"> <a href=\"https:\/\/itayachtscanada.com\/fr\/listing\/sunreef-60-sail-2020-3900000-usd-for-sale\/capture-decran-le-2023-11-15-a-14-49-52\/\" border=\"0\" itemprop=\"url\"> <meta itemprop=\"width\" content=\"397\"> <meta itemprop=\"height\" content=\"601\"> <img decoding=\"async\" class=\"\" data-attachment-id=\"141490\" data-orig-file=\"https:\/\/itayachtscanada.com\/wp-content\/uploads\/2023\/11\/Capture-decran-le-2023-11-15-a-14.49.52.png\" data-orig-size=\"760,1150\" data-comments-opened=\"1\" data-image-meta=\"{&quot;aperture&quot;:&quot;0&quot;,&quot;credit&quot;:&quot;&quot;,&quot;camera&quot;:&quot;&quot;,&quot;caption&quot;:&quot;&quot;,&quot;created_timestamp&quot;:&quot;0&quot;,&quot;copyright&quot;:&quot;&quot;,&quot;focal_length&quot;:&quot;0&quot;,&quot;iso&quot;:&quot;0&quot;,&quot;shutter_speed&quot;:&quot;0&quot;,&quot;title&quot;:&quot;&quot;,&quot;orientation&quot;:&quot;0&quot;}\" data-image-title=\"Capture d\u2019\u00e9cran, le 2023-11-15 \u00e0 14.49.52\" data-image-description=\"\" data-medium-file=\"https:\/\/i0.wp.com\/itayachtscanada.com\/wp-content\/uploads\/2023\/11\/Capture-decran-le-2023-11-15-a-14.49.52.png?fit=198%2C300&#038;ssl=1\" data-large-file=\"https:\/\/i0.wp.com\/itayachtscanada.com\/wp-content\/uploads\/2023\/11\/Capture-decran-le-2023-11-15-a-14.49.52.png?fit=677%2C1024&#038;ssl=1\" src=\"https:\/\/i0.wp.com\/itayachtscanada.com\/wp-content\/uploads\/2023\/11\/Capture-decran-le-2023-11-15-a-14.49.52.png?w=397&#038;h=601&#038;ssl=1\" srcset=\"https:\/\/i0.wp.com\/itayachtscanada.com\/wp-content\/uploads\/2023\/11\/Capture-decran-le-2023-11-15-a-14.49.52.png?w=760&amp;ssl=1 760w, https:\/\/i0.wp.com\/itayachtscanada.com\/wp-content\/uploads\/2023\/11\/Capture-decran-le-2023-11-15-a-14.49.52.png?resize=198%2C300&amp;ssl=1 198w, https:\/\/i0.wp.com\/itayachtscanada.com\/wp-content\/uploads\/2023\/11\/Capture-decran-le-2023-11-15-a-14.49.52.png?resize=677%2C1024&amp;ssl=1 677w, https:\/\/i0.wp.com\/itayachtscanada.com\/wp-content\/uploads\/2023\/11\/Capture-decran-le-2023-11-15-a-14.49.52.png?resize=700%2C1059&amp;ssl=1 700w, https:\/\/i0.wp.com\/itayachtscanada.com\/wp-content\/uploads\/2023\/11\/Capture-decran-le-2023-11-15-a-14.49.52.png?resize=264%2C400&amp;ssl=1 264w\" width=\"397\" height=\"601\" loading=\"lazy\" data-original-width=\"397\" data-original-height=\"601\" itemprop=\"http:\/\/schema.org\/image\" title=\"Capture d\u2019\u00e9cran, le 2023-11-15 \u00e0 14.49.52\" alt=\"Capture d\u2019\u00e9cran, le 2023-11-15 \u00e0 14.49.52\" style=\"width: 397px; height: 601px;\" \/> <\/a> <\/div> <\/div> <!-- close group --> <div class=\"gallery-group images-3\" style=\"width: 299px; height: 605px;\" data-original-width=\"299\" data-original-height=\"605\" > <div class=\"tiled-gallery-item tiled-gallery-item-large\" itemprop=\"associatedMedia\" itemscope itemtype=\"http:\/\/schema.org\/ImageObject\"> <a href=\"https:\/\/itayachtscanada.com\/fr\/listing\/sunreef-60-sail-2020-3900000-usd-for-sale\/capture-decran-le-2023-11-15-a-14-49-43\/\" border=\"0\" itemprop=\"url\"> <meta itemprop=\"width\" content=\"295\"> <meta itemprop=\"height\" content=\"198\"> <img decoding=\"async\" class=\"\" data-attachment-id=\"141491\" data-orig-file=\"https:\/\/itayachtscanada.com\/wp-content\/uploads\/2023\/11\/Capture-decran-le-2023-11-15-a-14.49.43.png\" data-orig-size=\"1718,1150\" data-comments-opened=\"1\" data-image-meta=\"{&quot;aperture&quot;:&quot;0&quot;,&quot;credit&quot;:&quot;&quot;,&quot;camera&quot;:&quot;&quot;,&quot;caption&quot;:&quot;&quot;,&quot;created_timestamp&quot;:&quot;0&quot;,&quot;copyright&quot;:&quot;&quot;,&quot;focal_length&quot;:&quot;0&quot;,&quot;iso&quot;:&quot;0&quot;,&quot;shutter_speed&quot;:&quot;0&quot;,&quot;title&quot;:&quot;&quot;,&quot;orientation&quot;:&quot;0&quot;}\" data-image-title=\"Capture d\u2019\u00e9cran, le 2023-11-15 \u00e0 14.49.43\" data-image-description=\"\" data-medium-file=\"https:\/\/i0.wp.com\/itayachtscanada.com\/wp-content\/uploads\/2023\/11\/Capture-decran-le-2023-11-15-a-14.49.43.png?fit=300%2C201&#038;ssl=1\" data-large-file=\"https:\/\/i0.wp.com\/itayachtscanada.com\/wp-content\/uploads\/2023\/11\/Capture-decran-le-2023-11-15-a-14.49.43.png?fit=700%2C468&#038;ssl=1\" src=\"https:\/\/i0.wp.com\/itayachtscanada.com\/wp-content\/uploads\/2023\/11\/Capture-decran-le-2023-11-15-a-14.49.43.png?w=295&#038;h=198&#038;ssl=1\" srcset=\"https:\/\/i0.wp.com\/itayachtscanada.com\/wp-content\/uploads\/2023\/11\/Capture-decran-le-2023-11-15-a-14.49.43.png?w=1718&amp;ssl=1 1718w, https:\/\/i0.wp.com\/itayachtscanada.com\/wp-content\/uploads\/2023\/11\/Capture-decran-le-2023-11-15-a-14.49.43.png?resize=300%2C201&amp;ssl=1 300w, https:\/\/i0.wp.com\/itayachtscanada.com\/wp-content\/uploads\/2023\/11\/Capture-decran-le-2023-11-15-a-14.49.43.png?resize=1024%2C685&amp;ssl=1 1024w, https:\/\/i0.wp.com\/itayachtscanada.com\/wp-content\/uploads\/2023\/11\/Capture-decran-le-2023-11-15-a-14.49.43.png?resize=768%2C514&amp;ssl=1 768w, https:\/\/i0.wp.com\/itayachtscanada.com\/wp-content\/uploads\/2023\/11\/Capture-decran-le-2023-11-15-a-14.49.43.png?resize=1536%2C1028&amp;ssl=1 1536w, https:\/\/i0.wp.com\/itayachtscanada.com\/wp-content\/uploads\/2023\/11\/Capture-decran-le-2023-11-15-a-14.49.43.png?resize=1200%2C803&amp;ssl=1 1200w, https:\/\/i0.wp.com\/itayachtscanada.com\/wp-content\/uploads\/2023\/11\/Capture-decran-le-2023-11-15-a-14.49.43.png?resize=700%2C469&amp;ssl=1 700w, https:\/\/i0.wp.com\/itayachtscanada.com\/wp-content\/uploads\/2023\/11\/Capture-decran-le-2023-11-15-a-14.49.43.png?resize=900%2C600&amp;ssl=1 900w, https:\/\/i0.wp.com\/itayachtscanada.com\/wp-content\/uploads\/2023\/11\/Capture-decran-le-2023-11-15-a-14.49.43.png?resize=598%2C400&amp;ssl=1 598w, https:\/\/i0.wp.com\/itayachtscanada.com\/wp-content\/uploads\/2023\/11\/Capture-decran-le-2023-11-15-a-14.49.43.png?w=1400&amp;ssl=1 1400w\" width=\"295\" height=\"198\" loading=\"lazy\" data-original-width=\"295\" data-original-height=\"198\" itemprop=\"http:\/\/schema.org\/image\" title=\"Capture d\u2019\u00e9cran, le 2023-11-15 \u00e0 14.49.43\" alt=\"Capture d\u2019\u00e9cran, le 2023-11-15 \u00e0 14.49.43\" style=\"width: 295px; height: 198px;\" \/> <\/a> <\/div> <div class=\"tiled-gallery-item tiled-gallery-item-large\" itemprop=\"associatedMedia\" itemscope itemtype=\"http:\/\/schema.org\/ImageObject\"> <a href=\"https:\/\/itayachtscanada.com\/fr\/listing\/sunreef-60-sail-2020-3900000-usd-for-sale\/capture-decran-le-2023-11-15-a-14-49-38\/\" border=\"0\" itemprop=\"url\"> <meta itemprop=\"width\" content=\"295\"> <meta itemprop=\"height\" content=\"198\"> <img decoding=\"async\" class=\"\" data-attachment-id=\"141492\" data-orig-file=\"https:\/\/itayachtscanada.com\/wp-content\/uploads\/2023\/11\/Capture-decran-le-2023-11-15-a-14.49.38.png\" data-orig-size=\"1718,1150\" data-comments-opened=\"1\" data-image-meta=\"{&quot;aperture&quot;:&quot;0&quot;,&quot;credit&quot;:&quot;&quot;,&quot;camera&quot;:&quot;&quot;,&quot;caption&quot;:&quot;&quot;,&quot;created_timestamp&quot;:&quot;0&quot;,&quot;copyright&quot;:&quot;&quot;,&quot;focal_length&quot;:&quot;0&quot;,&quot;iso&quot;:&quot;0&quot;,&quot;shutter_speed&quot;:&quot;0&quot;,&quot;title&quot;:&quot;&quot;,&quot;orientation&quot;:&quot;0&quot;}\" data-image-title=\"Capture d\u2019\u00e9cran, le 2023-11-15 \u00e0 14.49.38\" data-image-description=\"\" data-medium-file=\"https:\/\/i0.wp.com\/itayachtscanada.com\/wp-content\/uploads\/2023\/11\/Capture-decran-le-2023-11-15-a-14.49.38.png?fit=300%2C201&#038;ssl=1\" data-large-file=\"https:\/\/i0.wp.com\/itayachtscanada.com\/wp-content\/uploads\/2023\/11\/Capture-decran-le-2023-11-15-a-14.49.38.png?fit=700%2C468&#038;ssl=1\" src=\"https:\/\/i0.wp.com\/itayachtscanada.com\/wp-content\/uploads\/2023\/11\/Capture-decran-le-2023-11-15-a-14.49.38.png?w=295&#038;h=198&#038;ssl=1\" srcset=\"https:\/\/i0.wp.com\/itayachtscanada.com\/wp-content\/uploads\/2023\/11\/Capture-decran-le-2023-11-15-a-14.49.38.png?w=1718&amp;ssl=1 1718w, https:\/\/i0.wp.com\/itayachtscanada.com\/wp-content\/uploads\/2023\/11\/Capture-decran-le-2023-11-15-a-14.49.38.png?resize=300%2C201&amp;ssl=1 300w, https:\/\/i0.wp.com\/itayachtscanada.com\/wp-content\/uploads\/2023\/11\/Capture-decran-le-2023-11-15-a-14.49.38.png?resize=1024%2C685&amp;ssl=1 1024w, https:\/\/i0.wp.com\/itayachtscanada.com\/wp-content\/uploads\/2023\/11\/Capture-decran-le-2023-11-15-a-14.49.38.png?resize=768%2C514&amp;ssl=1 768w, https:\/\/i0.wp.com\/itayachtscanada.com\/wp-content\/uploads\/2023\/11\/Capture-decran-le-2023-11-15-a-14.49.38.png?resize=1536%2C1028&amp;ssl=1 1536w, https:\/\/i0.wp.com\/itayachtscanada.com\/wp-content\/uploads\/2023\/11\/Capture-decran-le-2023-11-15-a-14.49.38.png?resize=1200%2C803&amp;ssl=1 1200w, https:\/\/i0.wp.com\/itayachtscanada.com\/wp-content\/uploads\/2023\/11\/Capture-decran-le-2023-11-15-a-14.49.38.png?resize=700%2C469&amp;ssl=1 700w, https:\/\/i0.wp.com\/itayachtscanada.com\/wp-content\/uploads\/2023\/11\/Capture-decran-le-2023-11-15-a-14.49.38.png?resize=900%2C600&amp;ssl=1 900w, https:\/\/i0.wp.com\/itayachtscanada.com\/wp-content\/uploads\/2023\/11\/Capture-decran-le-2023-11-15-a-14.49.38.png?resize=598%2C400&amp;ssl=1 598w, https:\/\/i0.wp.com\/itayachtscanada.com\/wp-content\/uploads\/2023\/11\/Capture-decran-le-2023-11-15-a-14.49.38.png?w=1400&amp;ssl=1 1400w\" width=\"295\" height=\"198\" loading=\"lazy\" data-original-width=\"295\" data-original-height=\"198\" itemprop=\"http:\/\/schema.org\/image\" title=\"Capture d\u2019\u00e9cran, le 2023-11-15 \u00e0 14.49.38\" alt=\"Capture d\u2019\u00e9cran, le 2023-11-15 \u00e0 14.49.38\" style=\"width: 295px; height: 198px;\" \/> <\/a> <\/div> <div class=\"tiled-gallery-item tiled-gallery-item-large\" itemprop=\"associatedMedia\" itemscope itemtype=\"http:\/\/schema.org\/ImageObject\"> <a href=\"https:\/\/itayachtscanada.com\/fr\/listing\/sunreef-60-sail-2020-3900000-usd-for-sale\/capture-decran-le-2023-11-15-a-14-49-27\/\" border=\"0\" itemprop=\"url\"> <meta itemprop=\"width\" content=\"295\"> <meta itemprop=\"height\" content=\"197\"> <img decoding=\"async\" class=\"\" data-attachment-id=\"141493\" data-orig-file=\"https:\/\/itayachtscanada.com\/wp-content\/uploads\/2023\/11\/Capture-decran-le-2023-11-15-a-14.49.27.png\" data-orig-size=\"1718,1150\" data-comments-opened=\"1\" data-image-meta=\"{&quot;aperture&quot;:&quot;0&quot;,&quot;credit&quot;:&quot;&quot;,&quot;camera&quot;:&quot;&quot;,&quot;caption&quot;:&quot;&quot;,&quot;created_timestamp&quot;:&quot;0&quot;,&quot;copyright&quot;:&quot;&quot;,&quot;focal_length&quot;:&quot;0&quot;,&quot;iso&quot;:&quot;0&quot;,&quot;shutter_speed&quot;:&quot;0&quot;,&quot;title&quot;:&quot;&quot;,&quot;orientation&quot;:&quot;0&quot;}\" data-image-title=\"Capture d\u2019\u00e9cran, le 2023-11-15 \u00e0 14.49.27\" data-image-description=\"\" data-medium-file=\"https:\/\/i0.wp.com\/itayachtscanada.com\/wp-content\/uploads\/2023\/11\/Capture-decran-le-2023-11-15-a-14.49.27.png?fit=300%2C201&#038;ssl=1\" data-large-file=\"https:\/\/i0.wp.com\/itayachtscanada.com\/wp-content\/uploads\/2023\/11\/Capture-decran-le-2023-11-15-a-14.49.27.png?fit=700%2C468&#038;ssl=1\" src=\"https:\/\/i0.wp.com\/itayachtscanada.com\/wp-content\/uploads\/2023\/11\/Capture-decran-le-2023-11-15-a-14.49.27.png?w=295&#038;h=197&#038;ssl=1\" srcset=\"https:\/\/i0.wp.com\/itayachtscanada.com\/wp-content\/uploads\/2023\/11\/Capture-decran-le-2023-11-15-a-14.49.27.png?w=1718&amp;ssl=1 1718w, https:\/\/i0.wp.com\/itayachtscanada.com\/wp-content\/uploads\/2023\/11\/Capture-decran-le-2023-11-15-a-14.49.27.png?resize=300%2C201&amp;ssl=1 300w, https:\/\/i0.wp.com\/itayachtscanada.com\/wp-content\/uploads\/2023\/11\/Capture-decran-le-2023-11-15-a-14.49.27.png?resize=1024%2C685&amp;ssl=1 1024w, https:\/\/i0.wp.com\/itayachtscanada.com\/wp-content\/uploads\/2023\/11\/Capture-decran-le-2023-11-15-a-14.49.27.png?resize=768%2C514&amp;ssl=1 768w, https:\/\/i0.wp.com\/itayachtscanada.com\/wp-content\/uploads\/2023\/11\/Capture-decran-le-2023-11-15-a-14.49.27.png?resize=1536%2C1028&amp;ssl=1 1536w, https:\/\/i0.wp.com\/itayachtscanada.com\/wp-content\/uploads\/2023\/11\/Capture-decran-le-2023-11-15-a-14.49.27.png?resize=1200%2C803&amp;ssl=1 1200w, https:\/\/i0.wp.com\/itayachtscanada.com\/wp-content\/uploads\/2023\/11\/Capture-decran-le-2023-11-15-a-14.49.27.png?resize=700%2C469&amp;ssl=1 700w, https:\/\/i0.wp.com\/itayachtscanada.com\/wp-content\/uploads\/2023\/11\/Capture-decran-le-2023-11-15-a-14.49.27.png?resize=900%2C600&amp;ssl=1 900w, https:\/\/i0.wp.com\/itayachtscanada.com\/wp-content\/uploads\/2023\/11\/Capture-decran-le-2023-11-15-a-14.49.27.png?resize=598%2C400&amp;ssl=1 598w, https:\/\/i0.wp.com\/itayachtscanada.com\/wp-content\/uploads\/2023\/11\/Capture-decran-le-2023-11-15-a-14.49.27.png?w=1400&amp;ssl=1 1400w\" width=\"295\" height=\"197\" loading=\"lazy\" data-original-width=\"295\" data-original-height=\"197\" itemprop=\"http:\/\/schema.org\/image\" title=\"Capture d\u2019\u00e9cran, le 2023-11-15 \u00e0 14.49.27\" alt=\"Capture d\u2019\u00e9cran, le 2023-11-15 \u00e0 14.49.27\" style=\"width: 295px; height: 197px;\" \/> <\/a> <\/div> <\/div> <!-- close group --> <\/div> <!-- close row --> <div class=\"gallery-row\" style=\"width: 700px; height: 314px;\" data-original-width=\"700\" data-original-height=\"314\" > <div class=\"gallery-group images-1\" style=\"width: 467px; height: 314px;\" data-original-width=\"467\" data-original-height=\"314\" > <div class=\"tiled-gallery-item tiled-gallery-item-large\" itemprop=\"associatedMedia\" itemscope itemtype=\"http:\/\/schema.org\/ImageObject\"> <a href=\"https:\/\/itayachtscanada.com\/fr\/listing\/sunreef-60-sail-2020-3900000-usd-for-sale\/capture-decran-le-2023-11-15-a-14-49-22\/\" border=\"0\" itemprop=\"url\"> <meta itemprop=\"width\" content=\"463\"> <meta itemprop=\"height\" content=\"310\"> <img decoding=\"async\" class=\"\" data-attachment-id=\"141494\" data-orig-file=\"https:\/\/itayachtscanada.com\/wp-content\/uploads\/2023\/11\/Capture-decran-le-2023-11-15-a-14.49.22.png\" data-orig-size=\"1718,1150\" data-comments-opened=\"1\" data-image-meta=\"{&quot;aperture&quot;:&quot;0&quot;,&quot;credit&quot;:&quot;&quot;,&quot;camera&quot;:&quot;&quot;,&quot;caption&quot;:&quot;&quot;,&quot;created_timestamp&quot;:&quot;0&quot;,&quot;copyright&quot;:&quot;&quot;,&quot;focal_length&quot;:&quot;0&quot;,&quot;iso&quot;:&quot;0&quot;,&quot;shutter_speed&quot;:&quot;0&quot;,&quot;title&quot;:&quot;&quot;,&quot;orientation&quot;:&quot;0&quot;}\" data-image-title=\"Capture d\u2019\u00e9cran, le 2023-11-15 \u00e0 14.49.22\" data-image-description=\"\" data-medium-file=\"https:\/\/i0.wp.com\/itayachtscanada.com\/wp-content\/uploads\/2023\/11\/Capture-decran-le-2023-11-15-a-14.49.22.png?fit=300%2C201&#038;ssl=1\" data-large-file=\"https:\/\/i0.wp.com\/itayachtscanada.com\/wp-content\/uploads\/2023\/11\/Capture-decran-le-2023-11-15-a-14.49.22.png?fit=700%2C468&#038;ssl=1\" src=\"https:\/\/i0.wp.com\/itayachtscanada.com\/wp-content\/uploads\/2023\/11\/Capture-decran-le-2023-11-15-a-14.49.22.png?w=463&#038;h=310&#038;ssl=1\" srcset=\"https:\/\/i0.wp.com\/itayachtscanada.com\/wp-content\/uploads\/2023\/11\/Capture-decran-le-2023-11-15-a-14.49.22.png?w=1718&amp;ssl=1 1718w, https:\/\/i0.wp.com\/itayachtscanada.com\/wp-content\/uploads\/2023\/11\/Capture-decran-le-2023-11-15-a-14.49.22.png?resize=300%2C201&amp;ssl=1 300w, https:\/\/i0.wp.com\/itayachtscanada.com\/wp-content\/uploads\/2023\/11\/Capture-decran-le-2023-11-15-a-14.49.22.png?resize=1024%2C685&amp;ssl=1 1024w, https:\/\/i0.wp.com\/itayachtscanada.com\/wp-content\/uploads\/2023\/11\/Capture-decran-le-2023-11-15-a-14.49.22.png?resize=768%2C514&amp;ssl=1 768w, https:\/\/i0.wp.com\/itayachtscanada.com\/wp-content\/uploads\/2023\/11\/Capture-decran-le-2023-11-15-a-14.49.22.png?resize=1536%2C1028&amp;ssl=1 1536w, https:\/\/i0.wp.com\/itayachtscanada.com\/wp-content\/uploads\/2023\/11\/Capture-decran-le-2023-11-15-a-14.49.22.png?resize=1200%2C803&amp;ssl=1 1200w, https:\/\/i0.wp.com\/itayachtscanada.com\/wp-content\/uploads\/2023\/11\/Capture-decran-le-2023-11-15-a-14.49.22.png?resize=700%2C469&amp;ssl=1 700w, https:\/\/i0.wp.com\/itayachtscanada.com\/wp-content\/uploads\/2023\/11\/Capture-decran-le-2023-11-15-a-14.49.22.png?resize=900%2C600&amp;ssl=1 900w, https:\/\/i0.wp.com\/itayachtscanada.com\/wp-content\/uploads\/2023\/11\/Capture-decran-le-2023-11-15-a-14.49.22.png?resize=598%2C400&amp;ssl=1 598w, https:\/\/i0.wp.com\/itayachtscanada.com\/wp-content\/uploads\/2023\/11\/Capture-decran-le-2023-11-15-a-14.49.22.png?w=1400&amp;ssl=1 1400w\" width=\"463\" height=\"310\" loading=\"lazy\" data-original-width=\"463\" data-original-height=\"310\" itemprop=\"http:\/\/schema.org\/image\" title=\"Capture d\u2019\u00e9cran, le 2023-11-15 \u00e0 14.49.22\" alt=\"Capture d\u2019\u00e9cran, le 2023-11-15 \u00e0 14.49.22\" style=\"width: 463px; height: 310px;\" \/> <\/a> <\/div> <\/div> <!-- close group --> <div class=\"gallery-group images-2\" style=\"width: 233px; height: 314px;\" data-original-width=\"233\" data-original-height=\"314\" > <div class=\"tiled-gallery-item tiled-gallery-item-small\" itemprop=\"associatedMedia\" itemscope itemtype=\"http:\/\/schema.org\/ImageObject\"> <a href=\"https:\/\/itayachtscanada.com\/fr\/listing\/sunreef-60-sail-2020-3900000-usd-for-sale\/capture-decran-le-2023-11-15-a-14-49-17\/\" border=\"0\" itemprop=\"url\"> <meta itemprop=\"width\" content=\"229\"> <meta itemprop=\"height\" content=\"153\"> <img decoding=\"async\" class=\"\" data-attachment-id=\"141495\" data-orig-file=\"https:\/\/itayachtscanada.com\/wp-content\/uploads\/2023\/11\/Capture-decran-le-2023-11-15-a-14.49.17.png\" data-orig-size=\"1718,1150\" data-comments-opened=\"1\" data-image-meta=\"{&quot;aperture&quot;:&quot;0&quot;,&quot;credit&quot;:&quot;&quot;,&quot;camera&quot;:&quot;&quot;,&quot;caption&quot;:&quot;&quot;,&quot;created_timestamp&quot;:&quot;0&quot;,&quot;copyright&quot;:&quot;&quot;,&quot;focal_length&quot;:&quot;0&quot;,&quot;iso&quot;:&quot;0&quot;,&quot;shutter_speed&quot;:&quot;0&quot;,&quot;title&quot;:&quot;&quot;,&quot;orientation&quot;:&quot;0&quot;}\" data-image-title=\"Capture d\u2019\u00e9cran, le 2023-11-15 \u00e0 14.49.17\" data-image-description=\"\" data-medium-file=\"https:\/\/i0.wp.com\/itayachtscanada.com\/wp-content\/uploads\/2023\/11\/Capture-decran-le-2023-11-15-a-14.49.17.png?fit=300%2C201&#038;ssl=1\" data-large-file=\"https:\/\/i0.wp.com\/itayachtscanada.com\/wp-content\/uploads\/2023\/11\/Capture-decran-le-2023-11-15-a-14.49.17.png?fit=700%2C468&#038;ssl=1\" src=\"https:\/\/i0.wp.com\/itayachtscanada.com\/wp-content\/uploads\/2023\/11\/Capture-decran-le-2023-11-15-a-14.49.17.png?w=229&#038;h=153&#038;ssl=1\" srcset=\"https:\/\/i0.wp.com\/itayachtscanada.com\/wp-content\/uploads\/2023\/11\/Capture-decran-le-2023-11-15-a-14.49.17.png?w=1718&amp;ssl=1 1718w, https:\/\/i0.wp.com\/itayachtscanada.com\/wp-content\/uploads\/2023\/11\/Capture-decran-le-2023-11-15-a-14.49.17.png?resize=300%2C201&amp;ssl=1 300w, https:\/\/i0.wp.com\/itayachtscanada.com\/wp-content\/uploads\/2023\/11\/Capture-decran-le-2023-11-15-a-14.49.17.png?resize=1024%2C685&amp;ssl=1 1024w, https:\/\/i0.wp.com\/itayachtscanada.com\/wp-content\/uploads\/2023\/11\/Capture-decran-le-2023-11-15-a-14.49.17.png?resize=768%2C514&amp;ssl=1 768w, https:\/\/i0.wp.com\/itayachtscanada.com\/wp-content\/uploads\/2023\/11\/Capture-decran-le-2023-11-15-a-14.49.17.png?resize=1536%2C1028&amp;ssl=1 1536w, https:\/\/i0.wp.com\/itayachtscanada.com\/wp-content\/uploads\/2023\/11\/Capture-decran-le-2023-11-15-a-14.49.17.png?resize=1200%2C803&amp;ssl=1 1200w, https:\/\/i0.wp.com\/itayachtscanada.com\/wp-content\/uploads\/2023\/11\/Capture-decran-le-2023-11-15-a-14.49.17.png?resize=700%2C469&amp;ssl=1 700w, https:\/\/i0.wp.com\/itayachtscanada.com\/wp-content\/uploads\/2023\/11\/Capture-decran-le-2023-11-15-a-14.49.17.png?resize=900%2C600&amp;ssl=1 900w, https:\/\/i0.wp.com\/itayachtscanada.com\/wp-content\/uploads\/2023\/11\/Capture-decran-le-2023-11-15-a-14.49.17.png?resize=598%2C400&amp;ssl=1 598w, https:\/\/i0.wp.com\/itayachtscanada.com\/wp-content\/uploads\/2023\/11\/Capture-decran-le-2023-11-15-a-14.49.17.png?w=1400&amp;ssl=1 1400w\" width=\"229\" height=\"153\" loading=\"lazy\" data-original-width=\"229\" data-original-height=\"153\" itemprop=\"http:\/\/schema.org\/image\" title=\"Capture d\u2019\u00e9cran, le 2023-11-15 \u00e0 14.49.17\" alt=\"Capture d\u2019\u00e9cran, le 2023-11-15 \u00e0 14.49.17\" style=\"width: 229px; height: 153px;\" \/> <\/a> <\/div> <div class=\"tiled-gallery-item tiled-gallery-item-small\" itemprop=\"associatedMedia\" itemscope itemtype=\"http:\/\/schema.org\/ImageObject\"> <a href=\"https:\/\/itayachtscanada.com\/fr\/listing\/sunreef-60-sail-2020-3900000-usd-for-sale\/capture-decran-le-2023-11-15-a-14-49-12\/\" border=\"0\" itemprop=\"url\"> <meta itemprop=\"width\" content=\"229\"> <meta itemprop=\"height\" content=\"153\"> <img decoding=\"async\" class=\"\" data-attachment-id=\"141496\" data-orig-file=\"https:\/\/itayachtscanada.com\/wp-content\/uploads\/2023\/11\/Capture-decran-le-2023-11-15-a-14.49.12.png\" data-orig-size=\"1718,1150\" data-comments-opened=\"1\" data-image-meta=\"{&quot;aperture&quot;:&quot;0&quot;,&quot;credit&quot;:&quot;&quot;,&quot;camera&quot;:&quot;&quot;,&quot;caption&quot;:&quot;&quot;,&quot;created_timestamp&quot;:&quot;0&quot;,&quot;copyright&quot;:&quot;&quot;,&quot;focal_length&quot;:&quot;0&quot;,&quot;iso&quot;:&quot;0&quot;,&quot;shutter_speed&quot;:&quot;0&quot;,&quot;title&quot;:&quot;&quot;,&quot;orientation&quot;:&quot;0&quot;}\" data-image-title=\"Capture d\u2019\u00e9cran, le 2023-11-15 \u00e0 14.49.12\" data-image-description=\"\" data-medium-file=\"https:\/\/i0.wp.com\/itayachtscanada.com\/wp-content\/uploads\/2023\/11\/Capture-decran-le-2023-11-15-a-14.49.12.png?fit=300%2C201&#038;ssl=1\" data-large-file=\"https:\/\/i0.wp.com\/itayachtscanada.com\/wp-content\/uploads\/2023\/11\/Capture-decran-le-2023-11-15-a-14.49.12.png?fit=700%2C468&#038;ssl=1\" src=\"https:\/\/i0.wp.com\/itayachtscanada.com\/wp-content\/uploads\/2023\/11\/Capture-decran-le-2023-11-15-a-14.49.12.png?w=229&#038;h=153&#038;ssl=1\" srcset=\"https:\/\/i0.wp.com\/itayachtscanada.com\/wp-content\/uploads\/2023\/11\/Capture-decran-le-2023-11-15-a-14.49.12.png?w=1718&amp;ssl=1 1718w, https:\/\/i0.wp.com\/itayachtscanada.com\/wp-content\/uploads\/2023\/11\/Capture-decran-le-2023-11-15-a-14.49.12.png?resize=300%2C201&amp;ssl=1 300w, https:\/\/i0.wp.com\/itayachtscanada.com\/wp-content\/uploads\/2023\/11\/Capture-decran-le-2023-11-15-a-14.49.12.png?resize=1024%2C685&amp;ssl=1 1024w, https:\/\/i0.wp.com\/itayachtscanada.com\/wp-content\/uploads\/2023\/11\/Capture-decran-le-2023-11-15-a-14.49.12.png?resize=768%2C514&amp;ssl=1 768w, https:\/\/i0.wp.com\/itayachtscanada.com\/wp-content\/uploads\/2023\/11\/Capture-decran-le-2023-11-15-a-14.49.12.png?resize=1536%2C1028&amp;ssl=1 1536w, https:\/\/i0.wp.com\/itayachtscanada.com\/wp-content\/uploads\/2023\/11\/Capture-decran-le-2023-11-15-a-14.49.12.png?resize=1200%2C803&amp;ssl=1 1200w, https:\/\/i0.wp.com\/itayachtscanada.com\/wp-content\/uploads\/2023\/11\/Capture-decran-le-2023-11-15-a-14.49.12.png?resize=700%2C469&amp;ssl=1 700w, https:\/\/i0.wp.com\/itayachtscanada.com\/wp-content\/uploads\/2023\/11\/Capture-decran-le-2023-11-15-a-14.49.12.png?resize=900%2C600&amp;ssl=1 900w, https:\/\/i0.wp.com\/itayachtscanada.com\/wp-content\/uploads\/2023\/11\/Capture-decran-le-2023-11-15-a-14.49.12.png?resize=598%2C400&amp;ssl=1 598w, https:\/\/i0.wp.com\/itayachtscanada.com\/wp-content\/uploads\/2023\/11\/Capture-decran-le-2023-11-15-a-14.49.12.png?w=1400&amp;ssl=1 1400w\" width=\"229\" height=\"153\" loading=\"lazy\" data-original-width=\"229\" data-original-height=\"153\" itemprop=\"http:\/\/schema.org\/image\" title=\"Capture d\u2019\u00e9cran, le 2023-11-15 \u00e0 14.49.12\" alt=\"Capture d\u2019\u00e9cran, le 2023-11-15 \u00e0 14.49.12\" style=\"width: 229px; height: 153px;\" \/> <\/a> <\/div> <\/div> <!-- close group --> <\/div> <!-- close row --> <div class=\"gallery-row\" style=\"width: 700px; height: 158px;\" data-original-width=\"700\" data-original-height=\"158\" > <div class=\"gallery-group images-1\" style=\"width: 234px; height: 158px;\" data-original-width=\"234\" data-original-height=\"158\" > <div class=\"tiled-gallery-item tiled-gallery-item-small\" itemprop=\"associatedMedia\" itemscope itemtype=\"http:\/\/schema.org\/ImageObject\"> <a href=\"https:\/\/itayachtscanada.com\/fr\/listing\/sunreef-60-sail-2020-3900000-usd-for-sale\/capture-decran-le-2023-11-15-a-14-49-07\/\" border=\"0\" itemprop=\"url\"> <meta itemprop=\"width\" content=\"230\"> <meta itemprop=\"height\" content=\"154\"> <img decoding=\"async\" class=\"\" data-attachment-id=\"141497\" data-orig-file=\"https:\/\/itayachtscanada.com\/wp-content\/uploads\/2023\/11\/Capture-decran-le-2023-11-15-a-14.49.07.png\" data-orig-size=\"1718,1150\" data-comments-opened=\"1\" data-image-meta=\"{&quot;aperture&quot;:&quot;0&quot;,&quot;credit&quot;:&quot;&quot;,&quot;camera&quot;:&quot;&quot;,&quot;caption&quot;:&quot;&quot;,&quot;created_timestamp&quot;:&quot;0&quot;,&quot;copyright&quot;:&quot;&quot;,&quot;focal_length&quot;:&quot;0&quot;,&quot;iso&quot;:&quot;0&quot;,&quot;shutter_speed&quot;:&quot;0&quot;,&quot;title&quot;:&quot;&quot;,&quot;orientation&quot;:&quot;0&quot;}\" data-image-title=\"Capture d\u2019\u00e9cran, le 2023-11-15 \u00e0 14.49.07\" data-image-description=\"\" data-medium-file=\"https:\/\/i0.wp.com\/itayachtscanada.com\/wp-content\/uploads\/2023\/11\/Capture-decran-le-2023-11-15-a-14.49.07.png?fit=300%2C201&#038;ssl=1\" data-large-file=\"https:\/\/i0.wp.com\/itayachtscanada.com\/wp-content\/uploads\/2023\/11\/Capture-decran-le-2023-11-15-a-14.49.07.png?fit=700%2C468&#038;ssl=1\" src=\"https:\/\/i0.wp.com\/itayachtscanada.com\/wp-content\/uploads\/2023\/11\/Capture-decran-le-2023-11-15-a-14.49.07.png?w=230&#038;h=154&#038;ssl=1\" srcset=\"https:\/\/i0.wp.com\/itayachtscanada.com\/wp-content\/uploads\/2023\/11\/Capture-decran-le-2023-11-15-a-14.49.07.png?w=1718&amp;ssl=1 1718w, https:\/\/i0.wp.com\/itayachtscanada.com\/wp-content\/uploads\/2023\/11\/Capture-decran-le-2023-11-15-a-14.49.07.png?resize=300%2C201&amp;ssl=1 300w, https:\/\/i0.wp.com\/itayachtscanada.com\/wp-content\/uploads\/2023\/11\/Capture-decran-le-2023-11-15-a-14.49.07.png?resize=1024%2C685&amp;ssl=1 1024w, https:\/\/i0.wp.com\/itayachtscanada.com\/wp-content\/uploads\/2023\/11\/Capture-decran-le-2023-11-15-a-14.49.07.png?resize=768%2C514&amp;ssl=1 768w, https:\/\/i0.wp.com\/itayachtscanada.com\/wp-content\/uploads\/2023\/11\/Capture-decran-le-2023-11-15-a-14.49.07.png?resize=1536%2C1028&amp;ssl=1 1536w, https:\/\/i0.wp.com\/itayachtscanada.com\/wp-content\/uploads\/2023\/11\/Capture-decran-le-2023-11-15-a-14.49.07.png?resize=1200%2C803&amp;ssl=1 1200w, https:\/\/i0.wp.com\/itayachtscanada.com\/wp-content\/uploads\/2023\/11\/Capture-decran-le-2023-11-15-a-14.49.07.png?resize=700%2C469&amp;ssl=1 700w, https:\/\/i0.wp.com\/itayachtscanada.com\/wp-content\/uploads\/2023\/11\/Capture-decran-le-2023-11-15-a-14.49.07.png?resize=900%2C600&amp;ssl=1 900w, https:\/\/i0.wp.com\/itayachtscanada.com\/wp-content\/uploads\/2023\/11\/Capture-decran-le-2023-11-15-a-14.49.07.png?resize=598%2C400&amp;ssl=1 598w, https:\/\/i0.wp.com\/itayachtscanada.com\/wp-content\/uploads\/2023\/11\/Capture-decran-le-2023-11-15-a-14.49.07.png?w=1400&amp;ssl=1 1400w\" width=\"230\" height=\"154\" loading=\"lazy\" data-original-width=\"230\" data-original-height=\"154\" itemprop=\"http:\/\/schema.org\/image\" title=\"Capture d\u2019\u00e9cran, le 2023-11-15 \u00e0 14.49.07\" alt=\"Capture d\u2019\u00e9cran, le 2023-11-15 \u00e0 14.49.07\" style=\"width: 230px; height: 154px;\" \/> <\/a> <\/div> <\/div> <!-- close group --> <div class=\"gallery-group images-1\" style=\"width: 233px; height: 158px;\" data-original-width=\"233\" data-original-height=\"158\" > <div class=\"tiled-gallery-item tiled-gallery-item-small\" itemprop=\"associatedMedia\" itemscope itemtype=\"http:\/\/schema.org\/ImageObject\"> <a href=\"https:\/\/itayachtscanada.com\/fr\/listing\/sunreef-60-sail-2020-3900000-usd-for-sale\/capture-decran-le-2023-11-15-a-14-49-02\/\" border=\"0\" itemprop=\"url\"> <meta itemprop=\"width\" content=\"229\"> <meta itemprop=\"height\" content=\"154\"> <img decoding=\"async\" class=\"\" data-attachment-id=\"141498\" data-orig-file=\"https:\/\/itayachtscanada.com\/wp-content\/uploads\/2023\/11\/Capture-decran-le-2023-11-15-a-14.49.02.png\" data-orig-size=\"1718,1150\" data-comments-opened=\"1\" data-image-meta=\"{&quot;aperture&quot;:&quot;0&quot;,&quot;credit&quot;:&quot;&quot;,&quot;camera&quot;:&quot;&quot;,&quot;caption&quot;:&quot;&quot;,&quot;created_timestamp&quot;:&quot;0&quot;,&quot;copyright&quot;:&quot;&quot;,&quot;focal_length&quot;:&quot;0&quot;,&quot;iso&quot;:&quot;0&quot;,&quot;shutter_speed&quot;:&quot;0&quot;,&quot;title&quot;:&quot;&quot;,&quot;orientation&quot;:&quot;0&quot;}\" data-image-title=\"Capture d\u2019\u00e9cran, le 2023-11-15 \u00e0 14.49.02\" data-image-description=\"\" data-medium-file=\"https:\/\/i0.wp.com\/itayachtscanada.com\/wp-content\/uploads\/2023\/11\/Capture-decran-le-2023-11-15-a-14.49.02.png?fit=300%2C201&#038;ssl=1\" data-large-file=\"https:\/\/i0.wp.com\/itayachtscanada.com\/wp-content\/uploads\/2023\/11\/Capture-decran-le-2023-11-15-a-14.49.02.png?fit=700%2C468&#038;ssl=1\" src=\"https:\/\/i0.wp.com\/itayachtscanada.com\/wp-content\/uploads\/2023\/11\/Capture-decran-le-2023-11-15-a-14.49.02.png?w=229&#038;h=154&#038;ssl=1\" srcset=\"https:\/\/i0.wp.com\/itayachtscanada.com\/wp-content\/uploads\/2023\/11\/Capture-decran-le-2023-11-15-a-14.49.02.png?w=1718&amp;ssl=1 1718w, https:\/\/i0.wp.com\/itayachtscanada.com\/wp-content\/uploads\/2023\/11\/Capture-decran-le-2023-11-15-a-14.49.02.png?resize=300%2C201&amp;ssl=1 300w, https:\/\/i0.wp.com\/itayachtscanada.com\/wp-content\/uploads\/2023\/11\/Capture-decran-le-2023-11-15-a-14.49.02.png?resize=1024%2C685&amp;ssl=1 1024w, https:\/\/i0.wp.com\/itayachtscanada.com\/wp-content\/uploads\/2023\/11\/Capture-decran-le-2023-11-15-a-14.49.02.png?resize=768%2C514&amp;ssl=1 768w, https:\/\/i0.wp.com\/itayachtscanada.com\/wp-content\/uploads\/2023\/11\/Capture-decran-le-2023-11-15-a-14.49.02.png?resize=1536%2C1028&amp;ssl=1 1536w, https:\/\/i0.wp.com\/itayachtscanada.com\/wp-content\/uploads\/2023\/11\/Capture-decran-le-2023-11-15-a-14.49.02.png?resize=1200%2C803&amp;ssl=1 1200w, https:\/\/i0.wp.com\/itayachtscanada.com\/wp-content\/uploads\/2023\/11\/Capture-decran-le-2023-11-15-a-14.49.02.png?resize=700%2C469&amp;ssl=1 700w, https:\/\/i0.wp.com\/itayachtscanada.com\/wp-content\/uploads\/2023\/11\/Capture-decran-le-2023-11-15-a-14.49.02.png?resize=900%2C600&amp;ssl=1 900w, https:\/\/i0.wp.com\/itayachtscanada.com\/wp-content\/uploads\/2023\/11\/Capture-decran-le-2023-11-15-a-14.49.02.png?resize=598%2C400&amp;ssl=1 598w, https:\/\/i0.wp.com\/itayachtscanada.com\/wp-content\/uploads\/2023\/11\/Capture-decran-le-2023-11-15-a-14.49.02.png?w=1400&amp;ssl=1 1400w\" width=\"229\" height=\"154\" loading=\"lazy\" data-original-width=\"229\" data-original-height=\"154\" itemprop=\"http:\/\/schema.org\/image\" title=\"Capture d\u2019\u00e9cran, le 2023-11-15 \u00e0 14.49.02\" alt=\"Capture d\u2019\u00e9cran, le 2023-11-15 \u00e0 14.49.02\" style=\"width: 229px; height: 154px;\" \/> <\/a> <\/div> <\/div> <!-- close group --> <div class=\"gallery-group images-1\" style=\"width: 233px; height: 158px;\" data-original-width=\"233\" data-original-height=\"158\" > <div class=\"tiled-gallery-item tiled-gallery-item-small\" itemprop=\"associatedMedia\" itemscope itemtype=\"http:\/\/schema.org\/ImageObject\"> <a href=\"https:\/\/itayachtscanada.com\/fr\/listing\/sunreef-60-sail-2020-3900000-usd-for-sale\/capture-decran-le-2023-11-15-a-14-48-58\/\" border=\"0\" itemprop=\"url\"> <meta itemprop=\"width\" content=\"229\"> <meta itemprop=\"height\" content=\"154\"> <img decoding=\"async\" class=\"\" data-attachment-id=\"141499\" data-orig-file=\"https:\/\/itayachtscanada.com\/wp-content\/uploads\/2023\/11\/Capture-decran-le-2023-11-15-a-14.48.58.png\" data-orig-size=\"1718,1150\" data-comments-opened=\"1\" data-image-meta=\"{&quot;aperture&quot;:&quot;0&quot;,&quot;credit&quot;:&quot;&quot;,&quot;camera&quot;:&quot;&quot;,&quot;caption&quot;:&quot;&quot;,&quot;created_timestamp&quot;:&quot;0&quot;,&quot;copyright&quot;:&quot;&quot;,&quot;focal_length&quot;:&quot;0&quot;,&quot;iso&quot;:&quot;0&quot;,&quot;shutter_speed&quot;:&quot;0&quot;,&quot;title&quot;:&quot;&quot;,&quot;orientation&quot;:&quot;0&quot;}\" data-image-title=\"Capture d\u2019\u00e9cran, le 2023-11-15 \u00e0 14.48.58\" data-image-description=\"\" data-medium-file=\"https:\/\/i0.wp.com\/itayachtscanada.com\/wp-content\/uploads\/2023\/11\/Capture-decran-le-2023-11-15-a-14.48.58.png?fit=300%2C201&#038;ssl=1\" data-large-file=\"https:\/\/i0.wp.com\/itayachtscanada.com\/wp-content\/uploads\/2023\/11\/Capture-decran-le-2023-11-15-a-14.48.58.png?fit=700%2C468&#038;ssl=1\" src=\"https:\/\/i0.wp.com\/itayachtscanada.com\/wp-content\/uploads\/2023\/11\/Capture-decran-le-2023-11-15-a-14.48.58.png?w=229&#038;h=154&#038;ssl=1\" srcset=\"https:\/\/i0.wp.com\/itayachtscanada.com\/wp-content\/uploads\/2023\/11\/Capture-decran-le-2023-11-15-a-14.48.58.png?w=1718&amp;ssl=1 1718w, https:\/\/i0.wp.com\/itayachtscanada.com\/wp-content\/uploads\/2023\/11\/Capture-decran-le-2023-11-15-a-14.48.58.png?resize=300%2C201&amp;ssl=1 300w, https:\/\/i0.wp.com\/itayachtscanada.com\/wp-content\/uploads\/2023\/11\/Capture-decran-le-2023-11-15-a-14.48.58.png?resize=1024%2C685&amp;ssl=1 1024w, https:\/\/i0.wp.com\/itayachtscanada.com\/wp-content\/uploads\/2023\/11\/Capture-decran-le-2023-11-15-a-14.48.58.png?resize=768%2C514&amp;ssl=1 768w, https:\/\/i0.wp.com\/itayachtscanada.com\/wp-content\/uploads\/2023\/11\/Capture-decran-le-2023-11-15-a-14.48.58.png?resize=1536%2C1028&amp;ssl=1 1536w, https:\/\/i0.wp.com\/itayachtscanada.com\/wp-content\/uploads\/2023\/11\/Capture-decran-le-2023-11-15-a-14.48.58.png?resize=1200%2C803&amp;ssl=1 1200w, https:\/\/i0.wp.com\/itayachtscanada.com\/wp-content\/uploads\/2023\/11\/Capture-decran-le-2023-11-15-a-14.48.58.png?resize=700%2C469&amp;ssl=1 700w, https:\/\/i0.wp.com\/itayachtscanada.com\/wp-content\/uploads\/2023\/11\/Capture-decran-le-2023-11-15-a-14.48.58.png?resize=900%2C600&amp;ssl=1 900w, https:\/\/i0.wp.com\/itayachtscanada.com\/wp-content\/uploads\/2023\/11\/Capture-decran-le-2023-11-15-a-14.48.58.png?resize=598%2C400&amp;ssl=1 598w, https:\/\/i0.wp.com\/itayachtscanada.com\/wp-content\/uploads\/2023\/11\/Capture-decran-le-2023-11-15-a-14.48.58.png?w=1400&amp;ssl=1 1400w\" width=\"229\" height=\"154\" loading=\"lazy\" data-original-width=\"229\" data-original-height=\"154\" itemprop=\"http:\/\/schema.org\/image\" title=\"Capture d\u2019\u00e9cran, le 2023-11-15 \u00e0 14.48.58\" alt=\"Capture d\u2019\u00e9cran, le 2023-11-15 \u00e0 14.48.58\" style=\"width: 229px; height: 154px;\" \/> <\/a> <\/div> <\/div> <!-- close group --> <\/div> <!-- close row --> <div class=\"gallery-row\" style=\"width: 700px; height: 325px;\" data-original-width=\"700\" data-original-height=\"325\" > <div class=\"gallery-group images-1\" style=\"width: 484px; height: 325px;\" data-original-width=\"484\" data-original-height=\"325\" > <div class=\"tiled-gallery-item tiled-gallery-item-large\" itemprop=\"associatedMedia\" itemscope itemtype=\"http:\/\/schema.org\/ImageObject\"> <a href=\"https:\/\/itayachtscanada.com\/fr\/listing\/sunreef-60-sail-2020-3900000-usd-for-sale\/capture-decran-le-2023-11-15-a-14-48-52\/\" border=\"0\" itemprop=\"url\"> <meta itemprop=\"width\" content=\"480\"> <meta itemprop=\"height\" content=\"321\"> <img decoding=\"async\" class=\"\" data-attachment-id=\"141500\" data-orig-file=\"https:\/\/itayachtscanada.com\/wp-content\/uploads\/2023\/11\/Capture-decran-le-2023-11-15-a-14.48.52.png\" data-orig-size=\"1718,1150\" data-comments-opened=\"1\" data-image-meta=\"{&quot;aperture&quot;:&quot;0&quot;,&quot;credit&quot;:&quot;&quot;,&quot;camera&quot;:&quot;&quot;,&quot;caption&quot;:&quot;&quot;,&quot;created_timestamp&quot;:&quot;0&quot;,&quot;copyright&quot;:&quot;&quot;,&quot;focal_length&quot;:&quot;0&quot;,&quot;iso&quot;:&quot;0&quot;,&quot;shutter_speed&quot;:&quot;0&quot;,&quot;title&quot;:&quot;&quot;,&quot;orientation&quot;:&quot;0&quot;}\" data-image-title=\"Capture d\u2019\u00e9cran, le 2023-11-15 \u00e0 14.48.52\" data-image-description=\"\" data-medium-file=\"https:\/\/i0.wp.com\/itayachtscanada.com\/wp-content\/uploads\/2023\/11\/Capture-decran-le-2023-11-15-a-14.48.52.png?fit=300%2C201&#038;ssl=1\" data-large-file=\"https:\/\/i0.wp.com\/itayachtscanada.com\/wp-content\/uploads\/2023\/11\/Capture-decran-le-2023-11-15-a-14.48.52.png?fit=700%2C468&#038;ssl=1\" src=\"https:\/\/i0.wp.com\/itayachtscanada.com\/wp-content\/uploads\/2023\/11\/Capture-decran-le-2023-11-15-a-14.48.52.png?w=480&#038;h=321&#038;ssl=1\" srcset=\"https:\/\/i0.wp.com\/itayachtscanada.com\/wp-content\/uploads\/2023\/11\/Capture-decran-le-2023-11-15-a-14.48.52.png?w=1718&amp;ssl=1 1718w, https:\/\/i0.wp.com\/itayachtscanada.com\/wp-content\/uploads\/2023\/11\/Capture-decran-le-2023-11-15-a-14.48.52.png?resize=300%2C201&amp;ssl=1 300w, https:\/\/i0.wp.com\/itayachtscanada.com\/wp-content\/uploads\/2023\/11\/Capture-decran-le-2023-11-15-a-14.48.52.png?resize=1024%2C685&amp;ssl=1 1024w, https:\/\/i0.wp.com\/itayachtscanada.com\/wp-content\/uploads\/2023\/11\/Capture-decran-le-2023-11-15-a-14.48.52.png?resize=768%2C514&amp;ssl=1 768w, https:\/\/i0.wp.com\/itayachtscanada.com\/wp-content\/uploads\/2023\/11\/Capture-decran-le-2023-11-15-a-14.48.52.png?resize=1536%2C1028&amp;ssl=1 1536w, https:\/\/i0.wp.com\/itayachtscanada.com\/wp-content\/uploads\/2023\/11\/Capture-decran-le-2023-11-15-a-14.48.52.png?resize=1200%2C803&amp;ssl=1 1200w, https:\/\/i0.wp.com\/itayachtscanada.com\/wp-content\/uploads\/2023\/11\/Capture-decran-le-2023-11-15-a-14.48.52.png?resize=700%2C469&amp;ssl=1 700w, https:\/\/i0.wp.com\/itayachtscanada.com\/wp-content\/uploads\/2023\/11\/Capture-decran-le-2023-11-15-a-14.48.52.png?resize=900%2C600&amp;ssl=1 900w, https:\/\/i0.wp.com\/itayachtscanada.com\/wp-content\/uploads\/2023\/11\/Capture-decran-le-2023-11-15-a-14.48.52.png?resize=598%2C400&amp;ssl=1 598w, https:\/\/i0.wp.com\/itayachtscanada.com\/wp-content\/uploads\/2023\/11\/Capture-decran-le-2023-11-15-a-14.48.52.png?w=1400&amp;ssl=1 1400w\" width=\"480\" height=\"321\" loading=\"lazy\" data-original-width=\"480\" data-original-height=\"321\" itemprop=\"http:\/\/schema.org\/image\" title=\"Capture d\u2019\u00e9cran, le 2023-11-15 \u00e0 14.48.52\" alt=\"Capture d\u2019\u00e9cran, le 2023-11-15 \u00e0 14.48.52\" style=\"width: 480px; height: 321px;\" \/> <\/a> <\/div> <\/div> <!-- close group --> <div class=\"gallery-group images-1\" style=\"width: 216px; height: 325px;\" data-original-width=\"216\" data-original-height=\"325\" > <div class=\"tiled-gallery-item tiled-gallery-item-small\" itemprop=\"associatedMedia\" itemscope itemtype=\"http:\/\/schema.org\/ImageObject\"> <a href=\"https:\/\/itayachtscanada.com\/fr\/listing\/sunreef-60-sail-2020-3900000-usd-for-sale\/capture-decran-le-2023-11-15-a-14-47-35\/\" border=\"0\" itemprop=\"url\"> <meta itemprop=\"width\" content=\"212\"> <meta itemprop=\"height\" content=\"321\"> <img decoding=\"async\" class=\"\" data-attachment-id=\"141514\" data-orig-file=\"https:\/\/itayachtscanada.com\/wp-content\/uploads\/2023\/11\/Capture-decran-le-2023-11-15-a-14.47.35.png\" data-orig-size=\"758,1150\" data-comments-opened=\"1\" data-image-meta=\"{&quot;aperture&quot;:&quot;0&quot;,&quot;credit&quot;:&quot;&quot;,&quot;camera&quot;:&quot;&quot;,&quot;caption&quot;:&quot;&quot;,&quot;created_timestamp&quot;:&quot;0&quot;,&quot;copyright&quot;:&quot;&quot;,&quot;focal_length&quot;:&quot;0&quot;,&quot;iso&quot;:&quot;0&quot;,&quot;shutter_speed&quot;:&quot;0&quot;,&quot;title&quot;:&quot;&quot;,&quot;orientation&quot;:&quot;0&quot;}\" data-image-title=\"Capture d\u2019\u00e9cran, le 2023-11-15 \u00e0 14.47.35\" data-image-description=\"\" data-medium-file=\"https:\/\/i0.wp.com\/itayachtscanada.com\/wp-content\/uploads\/2023\/11\/Capture-decran-le-2023-11-15-a-14.47.35.png?fit=198%2C300&#038;ssl=1\" data-large-file=\"https:\/\/i0.wp.com\/itayachtscanada.com\/wp-content\/uploads\/2023\/11\/Capture-decran-le-2023-11-15-a-14.47.35.png?fit=675%2C1024&#038;ssl=1\" src=\"https:\/\/i0.wp.com\/itayachtscanada.com\/wp-content\/uploads\/2023\/11\/Capture-decran-le-2023-11-15-a-14.47.35.png?w=212&#038;h=321&#038;ssl=1\" srcset=\"https:\/\/i0.wp.com\/itayachtscanada.com\/wp-content\/uploads\/2023\/11\/Capture-decran-le-2023-11-15-a-14.47.35.png?w=758&amp;ssl=1 758w, https:\/\/i0.wp.com\/itayachtscanada.com\/wp-content\/uploads\/2023\/11\/Capture-decran-le-2023-11-15-a-14.47.35.png?resize=198%2C300&amp;ssl=1 198w, https:\/\/i0.wp.com\/itayachtscanada.com\/wp-content\/uploads\/2023\/11\/Capture-decran-le-2023-11-15-a-14.47.35.png?resize=675%2C1024&amp;ssl=1 675w, https:\/\/i0.wp.com\/itayachtscanada.com\/wp-content\/uploads\/2023\/11\/Capture-decran-le-2023-11-15-a-14.47.35.png?resize=700%2C1062&amp;ssl=1 700w, https:\/\/i0.wp.com\/itayachtscanada.com\/wp-content\/uploads\/2023\/11\/Capture-decran-le-2023-11-15-a-14.47.35.png?resize=264%2C400&amp;ssl=1 264w\" width=\"212\" height=\"321\" loading=\"lazy\" data-original-width=\"212\" data-original-height=\"321\" itemprop=\"http:\/\/schema.org\/image\" title=\"Capture d\u2019\u00e9cran, le 2023-11-15 \u00e0 14.47.35\" alt=\"Capture d\u2019\u00e9cran, le 2023-11-15 \u00e0 14.47.35\" style=\"width: 212px; height: 321px;\" \/> <\/a> <\/div> <\/div> <!-- close group --> <\/div> <!-- close row --> <div class=\"gallery-row\" style=\"width: 700px; height: 200px;\" data-original-width=\"700\" data-original-height=\"200\" > <div class=\"gallery-group images-1\" style=\"width: 133px; height: 200px;\" data-original-width=\"133\" data-original-height=\"200\" > <div class=\"tiled-gallery-item tiled-gallery-item-small\" itemprop=\"associatedMedia\" itemscope itemtype=\"http:\/\/schema.org\/ImageObject\"> <a href=\"https:\/\/itayachtscanada.com\/fr\/listing\/sunreef-60-sail-2020-3900000-usd-for-sale\/capture-decran-le-2023-11-15-a-14-35-23\/\" border=\"0\" itemprop=\"url\"> <meta itemprop=\"width\" content=\"129\"> <meta itemprop=\"height\" content=\"196\"> <img decoding=\"async\" class=\"\" data-attachment-id=\"141518\" data-orig-file=\"https:\/\/itayachtscanada.com\/wp-content\/uploads\/2023\/11\/Capture-decran-le-2023-11-15-a-14.35.23.png\" data-orig-size=\"732,1112\" data-comments-opened=\"1\" data-image-meta=\"{&quot;aperture&quot;:&quot;0&quot;,&quot;credit&quot;:&quot;&quot;,&quot;camera&quot;:&quot;&quot;,&quot;caption&quot;:&quot;&quot;,&quot;created_timestamp&quot;:&quot;0&quot;,&quot;copyright&quot;:&quot;&quot;,&quot;focal_length&quot;:&quot;0&quot;,&quot;iso&quot;:&quot;0&quot;,&quot;shutter_speed&quot;:&quot;0&quot;,&quot;title&quot;:&quot;&quot;,&quot;orientation&quot;:&quot;0&quot;}\" data-image-title=\"Capture d\u2019\u00e9cran, le 2023-11-15 \u00e0 14.35.23\" data-image-description=\"\" data-medium-file=\"https:\/\/i0.wp.com\/itayachtscanada.com\/wp-content\/uploads\/2023\/11\/Capture-decran-le-2023-11-15-a-14.35.23.png?fit=197%2C300&#038;ssl=1\" data-large-file=\"https:\/\/i0.wp.com\/itayachtscanada.com\/wp-content\/uploads\/2023\/11\/Capture-decran-le-2023-11-15-a-14.35.23.png?fit=674%2C1024&#038;ssl=1\" src=\"https:\/\/i0.wp.com\/itayachtscanada.com\/wp-content\/uploads\/2023\/11\/Capture-decran-le-2023-11-15-a-14.35.23.png?w=129&#038;h=196&#038;ssl=1\" srcset=\"https:\/\/i0.wp.com\/itayachtscanada.com\/wp-content\/uploads\/2023\/11\/Capture-decran-le-2023-11-15-a-14.35.23.png?w=732&amp;ssl=1 732w, https:\/\/i0.wp.com\/itayachtscanada.com\/wp-content\/uploads\/2023\/11\/Capture-decran-le-2023-11-15-a-14.35.23.png?resize=197%2C300&amp;ssl=1 197w, https:\/\/i0.wp.com\/itayachtscanada.com\/wp-content\/uploads\/2023\/11\/Capture-decran-le-2023-11-15-a-14.35.23.png?resize=674%2C1024&amp;ssl=1 674w, https:\/\/i0.wp.com\/itayachtscanada.com\/wp-content\/uploads\/2023\/11\/Capture-decran-le-2023-11-15-a-14.35.23.png?resize=700%2C1063&amp;ssl=1 700w, https:\/\/i0.wp.com\/itayachtscanada.com\/wp-content\/uploads\/2023\/11\/Capture-decran-le-2023-11-15-a-14.35.23.png?resize=263%2C400&amp;ssl=1 263w\" width=\"129\" height=\"196\" loading=\"lazy\" data-original-width=\"129\" data-original-height=\"196\" itemprop=\"http:\/\/schema.org\/image\" title=\"Capture d\u2019\u00e9cran, le 2023-11-15 \u00e0 14.35.23\" alt=\"Capture d\u2019\u00e9cran, le 2023-11-15 \u00e0 14.35.23\" style=\"width: 129px; height: 196px;\" \/> <\/a> <\/div> <\/div> <!-- close group --> <div class=\"gallery-group images-1\" style=\"width: 299px; height: 200px;\" data-original-width=\"299\" data-original-height=\"200\" > <div class=\"tiled-gallery-item tiled-gallery-item-large\" itemprop=\"associatedMedia\" itemscope itemtype=\"http:\/\/schema.org\/ImageObject\"> <a href=\"https:\/\/itayachtscanada.com\/fr\/listing\/sunreef-60-sail-2020-3900000-usd-for-sale\/capture-decran-le-2023-11-15-a-14-35-11\/\" border=\"0\" itemprop=\"url\"> <meta itemprop=\"width\" content=\"295\"> <meta itemprop=\"height\" content=\"196\"> <img decoding=\"async\" class=\"\" data-attachment-id=\"141519\" data-orig-file=\"https:\/\/itayachtscanada.com\/wp-content\/uploads\/2023\/11\/Capture-decran-le-2023-11-15-a-14.35.11.png\" data-orig-size=\"1672,1112\" data-comments-opened=\"1\" data-image-meta=\"{&quot;aperture&quot;:&quot;0&quot;,&quot;credit&quot;:&quot;&quot;,&quot;camera&quot;:&quot;&quot;,&quot;caption&quot;:&quot;&quot;,&quot;created_timestamp&quot;:&quot;0&quot;,&quot;copyright&quot;:&quot;&quot;,&quot;focal_length&quot;:&quot;0&quot;,&quot;iso&quot;:&quot;0&quot;,&quot;shutter_speed&quot;:&quot;0&quot;,&quot;title&quot;:&quot;&quot;,&quot;orientation&quot;:&quot;0&quot;}\" data-image-title=\"Capture d\u2019\u00e9cran, le 2023-11-15 \u00e0 14.35.11\" data-image-description=\"\" data-medium-file=\"https:\/\/i0.wp.com\/itayachtscanada.com\/wp-content\/uploads\/2023\/11\/Capture-decran-le-2023-11-15-a-14.35.11.png?fit=300%2C200&#038;ssl=1\" data-large-file=\"https:\/\/i0.wp.com\/itayachtscanada.com\/wp-content\/uploads\/2023\/11\/Capture-decran-le-2023-11-15-a-14.35.11.png?fit=700%2C466&#038;ssl=1\" src=\"https:\/\/i0.wp.com\/itayachtscanada.com\/wp-content\/uploads\/2023\/11\/Capture-decran-le-2023-11-15-a-14.35.11.png?w=295&#038;h=196&#038;ssl=1\" srcset=\"https:\/\/i0.wp.com\/itayachtscanada.com\/wp-content\/uploads\/2023\/11\/Capture-decran-le-2023-11-15-a-14.35.11.png?w=1672&amp;ssl=1 1672w, https:\/\/i0.wp.com\/itayachtscanada.com\/wp-content\/uploads\/2023\/11\/Capture-decran-le-2023-11-15-a-14.35.11.png?resize=300%2C200&amp;ssl=1 300w, https:\/\/i0.wp.com\/itayachtscanada.com\/wp-content\/uploads\/2023\/11\/Capture-decran-le-2023-11-15-a-14.35.11.png?resize=1024%2C681&amp;ssl=1 1024w, https:\/\/i0.wp.com\/itayachtscanada.com\/wp-content\/uploads\/2023\/11\/Capture-decran-le-2023-11-15-a-14.35.11.png?resize=768%2C511&amp;ssl=1 768w, https:\/\/i0.wp.com\/itayachtscanada.com\/wp-content\/uploads\/2023\/11\/Capture-decran-le-2023-11-15-a-14.35.11.png?resize=1536%2C1022&amp;ssl=1 1536w, https:\/\/i0.wp.com\/itayachtscanada.com\/wp-content\/uploads\/2023\/11\/Capture-decran-le-2023-11-15-a-14.35.11.png?resize=1200%2C798&amp;ssl=1 1200w, https:\/\/i0.wp.com\/itayachtscanada.com\/wp-content\/uploads\/2023\/11\/Capture-decran-le-2023-11-15-a-14.35.11.png?resize=700%2C466&amp;ssl=1 700w, https:\/\/i0.wp.com\/itayachtscanada.com\/wp-content\/uploads\/2023\/11\/Capture-decran-le-2023-11-15-a-14.35.11.png?resize=900%2C600&amp;ssl=1 900w, https:\/\/i0.wp.com\/itayachtscanada.com\/wp-content\/uploads\/2023\/11\/Capture-decran-le-2023-11-15-a-14.35.11.png?resize=601%2C400&amp;ssl=1 601w, https:\/\/i0.wp.com\/itayachtscanada.com\/wp-content\/uploads\/2023\/11\/Capture-decran-le-2023-11-15-a-14.35.11.png?w=1400&amp;ssl=1 1400w\" width=\"295\" height=\"196\" loading=\"lazy\" data-original-width=\"295\" data-original-height=\"196\" itemprop=\"http:\/\/schema.org\/image\" title=\"Capture d\u2019\u00e9cran, le 2023-11-15 \u00e0 14.35.11\" alt=\"Capture d\u2019\u00e9cran, le 2023-11-15 \u00e0 14.35.11\" style=\"width: 295px; height: 196px;\" \/> <\/a> <\/div> <\/div> <!-- close group --> <div class=\"gallery-group images-1\" style=\"width: 134px; height: 200px;\" data-original-width=\"134\" data-original-height=\"200\" > <div class=\"tiled-gallery-item tiled-gallery-item-small\" itemprop=\"associatedMedia\" itemscope itemtype=\"http:\/\/schema.org\/ImageObject\"> <a href=\"https:\/\/itayachtscanada.com\/fr\/listing\/sunreef-60-sail-2020-3900000-usd-for-sale\/capture-decran-le-2023-11-15-a-14-35-02\/\" border=\"0\" itemprop=\"url\"> <meta itemprop=\"width\" content=\"130\"> <meta itemprop=\"height\" content=\"196\"> <img decoding=\"async\" class=\"\" data-attachment-id=\"141520\" data-orig-file=\"https:\/\/itayachtscanada.com\/wp-content\/uploads\/2023\/11\/Capture-decran-le-2023-11-15-a-14.35.02.png\" data-orig-size=\"738,1112\" data-comments-opened=\"1\" data-image-meta=\"{&quot;aperture&quot;:&quot;0&quot;,&quot;credit&quot;:&quot;&quot;,&quot;camera&quot;:&quot;&quot;,&quot;caption&quot;:&quot;&quot;,&quot;created_timestamp&quot;:&quot;0&quot;,&quot;copyright&quot;:&quot;&quot;,&quot;focal_length&quot;:&quot;0&quot;,&quot;iso&quot;:&quot;0&quot;,&quot;shutter_speed&quot;:&quot;0&quot;,&quot;title&quot;:&quot;&quot;,&quot;orientation&quot;:&quot;0&quot;}\" data-image-title=\"Capture d\u2019\u00e9cran, le 2023-11-15 \u00e0 14.35.02\" data-image-description=\"\" data-medium-file=\"https:\/\/i0.wp.com\/itayachtscanada.com\/wp-content\/uploads\/2023\/11\/Capture-decran-le-2023-11-15-a-14.35.02.png?fit=199%2C300&#038;ssl=1\" data-large-file=\"https:\/\/i0.wp.com\/itayachtscanada.com\/wp-content\/uploads\/2023\/11\/Capture-decran-le-2023-11-15-a-14.35.02.png?fit=680%2C1024&#038;ssl=1\" src=\"https:\/\/i0.wp.com\/itayachtscanada.com\/wp-content\/uploads\/2023\/11\/Capture-decran-le-2023-11-15-a-14.35.02.png?w=130&#038;h=196&#038;ssl=1\" srcset=\"https:\/\/i0.wp.com\/itayachtscanada.com\/wp-content\/uploads\/2023\/11\/Capture-decran-le-2023-11-15-a-14.35.02.png?w=738&amp;ssl=1 738w, https:\/\/i0.wp.com\/itayachtscanada.com\/wp-content\/uploads\/2023\/11\/Capture-decran-le-2023-11-15-a-14.35.02.png?resize=199%2C300&amp;ssl=1 199w, https:\/\/i0.wp.com\/itayachtscanada.com\/wp-content\/uploads\/2023\/11\/Capture-decran-le-2023-11-15-a-14.35.02.png?resize=680%2C1024&amp;ssl=1 680w, https:\/\/i0.wp.com\/itayachtscanada.com\/wp-content\/uploads\/2023\/11\/Capture-decran-le-2023-11-15-a-14.35.02.png?resize=700%2C1055&amp;ssl=1 700w, https:\/\/i0.wp.com\/itayachtscanada.com\/wp-content\/uploads\/2023\/11\/Capture-decran-le-2023-11-15-a-14.35.02.png?resize=265%2C400&amp;ssl=1 265w\" width=\"130\" height=\"196\" loading=\"lazy\" data-original-width=\"130\" data-original-height=\"196\" itemprop=\"http:\/\/schema.org\/image\" title=\"Capture d\u2019\u00e9cran, le 2023-11-15 \u00e0 14.35.02\" alt=\"Capture d\u2019\u00e9cran, le 2023-11-15 \u00e0 14.35.02\" style=\"width: 130px; height: 196px;\" \/> <\/a> <\/div> <\/div> <!-- close group --> <div class=\"gallery-group images-1\" style=\"width: 134px; height: 200px;\" data-original-width=\"134\" data-original-height=\"200\" > <div class=\"tiled-gallery-item tiled-gallery-item-small\" itemprop=\"associatedMedia\" itemscope itemtype=\"http:\/\/schema.org\/ImageObject\"> <a href=\"https:\/\/itayachtscanada.com\/fr\/listing\/sunreef-60-sail-2020-3900000-usd-for-sale\/capture-decran-le-2023-11-15-a-14-34-59\/\" border=\"0\" itemprop=\"url\"> <meta itemprop=\"width\" content=\"130\"> <meta itemprop=\"height\" content=\"196\"> <img decoding=\"async\" class=\"\" data-attachment-id=\"141521\" data-orig-file=\"https:\/\/itayachtscanada.com\/wp-content\/uploads\/2023\/11\/Capture-decran-le-2023-11-15-a-14.34.59.png\" data-orig-size=\"738,1112\" data-comments-opened=\"1\" data-image-meta=\"{&quot;aperture&quot;:&quot;0&quot;,&quot;credit&quot;:&quot;&quot;,&quot;camera&quot;:&quot;&quot;,&quot;caption&quot;:&quot;&quot;,&quot;created_timestamp&quot;:&quot;0&quot;,&quot;copyright&quot;:&quot;&quot;,&quot;focal_length&quot;:&quot;0&quot;,&quot;iso&quot;:&quot;0&quot;,&quot;shutter_speed&quot;:&quot;0&quot;,&quot;title&quot;:&quot;&quot;,&quot;orientation&quot;:&quot;0&quot;}\" data-image-title=\"Capture d\u2019\u00e9cran, le 2023-11-15 \u00e0 14.34.59\" data-image-description=\"\" data-medium-file=\"https:\/\/i0.wp.com\/itayachtscanada.com\/wp-content\/uploads\/2023\/11\/Capture-decran-le-2023-11-15-a-14.34.59.png?fit=199%2C300&#038;ssl=1\" data-large-file=\"https:\/\/i0.wp.com\/itayachtscanada.com\/wp-content\/uploads\/2023\/11\/Capture-decran-le-2023-11-15-a-14.34.59.png?fit=680%2C1024&#038;ssl=1\" src=\"https:\/\/i0.wp.com\/itayachtscanada.com\/wp-content\/uploads\/2023\/11\/Capture-decran-le-2023-11-15-a-14.34.59.png?w=130&#038;h=196&#038;ssl=1\" srcset=\"https:\/\/i0.wp.com\/itayachtscanada.com\/wp-content\/uploads\/2023\/11\/Capture-decran-le-2023-11-15-a-14.34.59.png?w=738&amp;ssl=1 738w, https:\/\/i0.wp.com\/itayachtscanada.com\/wp-content\/uploads\/2023\/11\/Capture-decran-le-2023-11-15-a-14.34.59.png?resize=199%2C300&amp;ssl=1 199w, https:\/\/i0.wp.com\/itayachtscanada.com\/wp-content\/uploads\/2023\/11\/Capture-decran-le-2023-11-15-a-14.34.59.png?resize=680%2C1024&amp;ssl=1 680w, https:\/\/i0.wp.com\/itayachtscanada.com\/wp-content\/uploads\/2023\/11\/Capture-decran-le-2023-11-15-a-14.34.59.png?resize=700%2C1055&amp;ssl=1 700w, https:\/\/i0.wp.com\/itayachtscanada.com\/wp-content\/uploads\/2023\/11\/Capture-decran-le-2023-11-15-a-14.34.59.png?resize=265%2C400&amp;ssl=1 265w\" width=\"130\" height=\"196\" loading=\"lazy\" data-original-width=\"130\" data-original-height=\"196\" itemprop=\"http:\/\/schema.org\/image\" title=\"Capture d\u2019\u00e9cran, le 2023-11-15 \u00e0 14.34.59\" alt=\"Capture d\u2019\u00e9cran, le 2023-11-15 \u00e0 14.34.59\" style=\"width: 130px; height: 196px;\" \/> <\/a> <\/div> <\/div> <!-- close group --> <\/div> <!-- close row --> <div class=\"gallery-row\" style=\"width: 700px; height: 525px;\" data-original-width=\"700\" data-original-height=\"525\" > <div class=\"gallery-group images-1\" style=\"width: 350px; height: 525px;\" data-original-width=\"350\" data-original-height=\"525\" > <div class=\"tiled-gallery-item tiled-gallery-item-large\" itemprop=\"associatedMedia\" itemscope itemtype=\"http:\/\/schema.org\/ImageObject\"> <a href=\"https:\/\/itayachtscanada.com\/fr\/listing\/sunreef-60-sail-2020-3900000-usd-for-sale\/capture-decran-le-2023-11-15-a-14-34-56\/\" border=\"0\" itemprop=\"url\"> <meta itemprop=\"width\" content=\"346\"> <meta itemprop=\"height\" content=\"521\"> <img decoding=\"async\" class=\"\" data-attachment-id=\"141522\" data-orig-file=\"https:\/\/itayachtscanada.com\/wp-content\/uploads\/2023\/11\/Capture-decran-le-2023-11-15-a-14.34.56.png\" data-orig-size=\"738,1112\" data-comments-opened=\"1\" data-image-meta=\"{&quot;aperture&quot;:&quot;0&quot;,&quot;credit&quot;:&quot;&quot;,&quot;camera&quot;:&quot;&quot;,&quot;caption&quot;:&quot;&quot;,&quot;created_timestamp&quot;:&quot;0&quot;,&quot;copyright&quot;:&quot;&quot;,&quot;focal_length&quot;:&quot;0&quot;,&quot;iso&quot;:&quot;0&quot;,&quot;shutter_speed&quot;:&quot;0&quot;,&quot;title&quot;:&quot;&quot;,&quot;orientation&quot;:&quot;0&quot;}\" data-image-title=\"Capture d\u2019\u00e9cran, le 2023-11-15 \u00e0 14.34.56\" data-image-description=\"\" data-medium-file=\"https:\/\/i0.wp.com\/itayachtscanada.com\/wp-content\/uploads\/2023\/11\/Capture-decran-le-2023-11-15-a-14.34.56.png?fit=199%2C300&#038;ssl=1\" data-large-file=\"https:\/\/i0.wp.com\/itayachtscanada.com\/wp-content\/uploads\/2023\/11\/Capture-decran-le-2023-11-15-a-14.34.56.png?fit=680%2C1024&#038;ssl=1\" src=\"https:\/\/i0.wp.com\/itayachtscanada.com\/wp-content\/uploads\/2023\/11\/Capture-decran-le-2023-11-15-a-14.34.56.png?w=346&#038;h=521&#038;ssl=1\" srcset=\"https:\/\/i0.wp.com\/itayachtscanada.com\/wp-content\/uploads\/2023\/11\/Capture-decran-le-2023-11-15-a-14.34.56.png?w=738&amp;ssl=1 738w, https:\/\/i0.wp.com\/itayachtscanada.com\/wp-content\/uploads\/2023\/11\/Capture-decran-le-2023-11-15-a-14.34.56.png?resize=199%2C300&amp;ssl=1 199w, https:\/\/i0.wp.com\/itayachtscanada.com\/wp-content\/uploads\/2023\/11\/Capture-decran-le-2023-11-15-a-14.34.56.png?resize=680%2C1024&amp;ssl=1 680w, https:\/\/i0.wp.com\/itayachtscanada.com\/wp-content\/uploads\/2023\/11\/Capture-decran-le-2023-11-15-a-14.34.56.png?resize=700%2C1055&amp;ssl=1 700w, https:\/\/i0.wp.com\/itayachtscanada.com\/wp-content\/uploads\/2023\/11\/Capture-decran-le-2023-11-15-a-14.34.56.png?resize=265%2C400&amp;ssl=1 265w\" width=\"346\" height=\"521\" loading=\"lazy\" data-original-width=\"346\" data-original-height=\"521\" itemprop=\"http:\/\/schema.org\/image\" title=\"Capture d\u2019\u00e9cran, le 2023-11-15 \u00e0 14.34.56\" alt=\"Capture d\u2019\u00e9cran, le 2023-11-15 \u00e0 14.34.56\" style=\"width: 346px; height: 521px;\" \/> <\/a> <\/div> <\/div> <!-- close group --> <div class=\"gallery-group images-1\" style=\"width: 350px; height: 525px;\" data-original-width=\"350\" data-original-height=\"525\" > <div class=\"tiled-gallery-item tiled-gallery-item-large\" itemprop=\"associatedMedia\" itemscope itemtype=\"http:\/\/schema.org\/ImageObject\"> <a href=\"https:\/\/itayachtscanada.com\/fr\/listing\/sunreef-60-sail-2020-3900000-usd-for-sale\/capture-decran-le-2023-11-15-a-14-34-53\/\" border=\"0\" itemprop=\"url\"> <meta itemprop=\"width\" content=\"346\"> <meta itemprop=\"height\" content=\"521\"> <img decoding=\"async\" class=\"\" data-attachment-id=\"141523\" data-orig-file=\"https:\/\/itayachtscanada.com\/wp-content\/uploads\/2023\/11\/Capture-decran-le-2023-11-15-a-14.34.53.png\" data-orig-size=\"738,1112\" data-comments-opened=\"1\" data-image-meta=\"{&quot;aperture&quot;:&quot;0&quot;,&quot;credit&quot;:&quot;&quot;,&quot;camera&quot;:&quot;&quot;,&quot;caption&quot;:&quot;&quot;,&quot;created_timestamp&quot;:&quot;0&quot;,&quot;copyright&quot;:&quot;&quot;,&quot;focal_length&quot;:&quot;0&quot;,&quot;iso&quot;:&quot;0&quot;,&quot;shutter_speed&quot;:&quot;0&quot;,&quot;title&quot;:&quot;&quot;,&quot;orientation&quot;:&quot;0&quot;}\" data-image-title=\"Capture d\u2019\u00e9cran, le 2023-11-15 \u00e0 14.34.53\" data-image-description=\"\" data-medium-file=\"https:\/\/i0.wp.com\/itayachtscanada.com\/wp-content\/uploads\/2023\/11\/Capture-decran-le-2023-11-15-a-14.34.53.png?fit=199%2C300&#038;ssl=1\" data-large-file=\"https:\/\/i0.wp.com\/itayachtscanada.com\/wp-content\/uploads\/2023\/11\/Capture-decran-le-2023-11-15-a-14.34.53.png?fit=680%2C1024&#038;ssl=1\" src=\"https:\/\/i0.wp.com\/itayachtscanada.com\/wp-content\/uploads\/2023\/11\/Capture-decran-le-2023-11-15-a-14.34.53.png?w=346&#038;h=521&#038;ssl=1\" srcset=\"https:\/\/i0.wp.com\/itayachtscanada.com\/wp-content\/uploads\/2023\/11\/Capture-decran-le-2023-11-15-a-14.34.53.png?w=738&amp;ssl=1 738w, https:\/\/i0.wp.com\/itayachtscanada.com\/wp-content\/uploads\/2023\/11\/Capture-decran-le-2023-11-15-a-14.34.53.png?resize=199%2C300&amp;ssl=1 199w, https:\/\/i0.wp.com\/itayachtscanada.com\/wp-content\/uploads\/2023\/11\/Capture-decran-le-2023-11-15-a-14.34.53.png?resize=680%2C1024&amp;ssl=1 680w, https:\/\/i0.wp.com\/itayachtscanada.com\/wp-content\/uploads\/2023\/11\/Capture-decran-le-2023-11-15-a-14.34.53.png?resize=700%2C1055&amp;ssl=1 700w, https:\/\/i0.wp.com\/itayachtscanada.com\/wp-content\/uploads\/2023\/11\/Capture-decran-le-2023-11-15-a-14.34.53.png?resize=265%2C400&amp;ssl=1 265w\" width=\"346\" height=\"521\" loading=\"lazy\" data-original-width=\"346\" data-original-height=\"521\" itemprop=\"http:\/\/schema.org\/image\" title=\"Capture d\u2019\u00e9cran, le 2023-11-15 \u00e0 14.34.53\" alt=\"Capture d\u2019\u00e9cran, le 2023-11-15 \u00e0 14.34.53\" style=\"width: 346px; height: 521px;\" \/> <\/a> <\/div> <\/div> <!-- close group --> <\/div> <!-- close row --> <div class=\"gallery-row\" style=\"width: 700px; height: 571px;\" data-original-width=\"700\" data-original-height=\"571\" > <div class=\"gallery-group images-1\" style=\"width: 380px; height: 571px;\" data-original-width=\"380\" data-original-height=\"571\" > <div class=\"tiled-gallery-item tiled-gallery-item-large\" itemprop=\"associatedMedia\" itemscope itemtype=\"http:\/\/schema.org\/ImageObject\"> <a href=\"https:\/\/itayachtscanada.com\/fr\/listing\/sunreef-60-sail-2020-3900000-usd-for-sale\/capture-decran-le-2023-11-15-a-14-34-50\/\" border=\"0\" itemprop=\"url\"> <meta itemprop=\"width\" content=\"376\"> <meta itemprop=\"height\" content=\"567\"> <img decoding=\"async\" class=\"\" data-attachment-id=\"141524\" data-orig-file=\"https:\/\/itayachtscanada.com\/wp-content\/uploads\/2023\/11\/Capture-decran-le-2023-11-15-a-14.34.50.png\" data-orig-size=\"738,1112\" data-comments-opened=\"1\" data-image-meta=\"{&quot;aperture&quot;:&quot;0&quot;,&quot;credit&quot;:&quot;&quot;,&quot;camera&quot;:&quot;&quot;,&quot;caption&quot;:&quot;&quot;,&quot;created_timestamp&quot;:&quot;0&quot;,&quot;copyright&quot;:&quot;&quot;,&quot;focal_length&quot;:&quot;0&quot;,&quot;iso&quot;:&quot;0&quot;,&quot;shutter_speed&quot;:&quot;0&quot;,&quot;title&quot;:&quot;&quot;,&quot;orientation&quot;:&quot;0&quot;}\" data-image-title=\"Capture d\u2019\u00e9cran, le 2023-11-15 \u00e0 14.34.50\" data-image-description=\"\" data-medium-file=\"https:\/\/i0.wp.com\/itayachtscanada.com\/wp-content\/uploads\/2023\/11\/Capture-decran-le-2023-11-15-a-14.34.50.png?fit=199%2C300&#038;ssl=1\" data-large-file=\"https:\/\/i0.wp.com\/itayachtscanada.com\/wp-content\/uploads\/2023\/11\/Capture-decran-le-2023-11-15-a-14.34.50.png?fit=680%2C1024&#038;ssl=1\" src=\"https:\/\/i0.wp.com\/itayachtscanada.com\/wp-content\/uploads\/2023\/11\/Capture-decran-le-2023-11-15-a-14.34.50.png?w=376&#038;h=567&#038;ssl=1\" srcset=\"https:\/\/i0.wp.com\/itayachtscanada.com\/wp-content\/uploads\/2023\/11\/Capture-decran-le-2023-11-15-a-14.34.50.png?w=738&amp;ssl=1 738w, https:\/\/i0.wp.com\/itayachtscanada.com\/wp-content\/uploads\/2023\/11\/Capture-decran-le-2023-11-15-a-14.34.50.png?resize=199%2C300&amp;ssl=1 199w, https:\/\/i0.wp.com\/itayachtscanada.com\/wp-content\/uploads\/2023\/11\/Capture-decran-le-2023-11-15-a-14.34.50.png?resize=680%2C1024&amp;ssl=1 680w, https:\/\/i0.wp.com\/itayachtscanada.com\/wp-content\/uploads\/2023\/11\/Capture-decran-le-2023-11-15-a-14.34.50.png?resize=700%2C1055&amp;ssl=1 700w, https:\/\/i0.wp.com\/itayachtscanada.com\/wp-content\/uploads\/2023\/11\/Capture-decran-le-2023-11-15-a-14.34.50.png?resize=265%2C400&amp;ssl=1 265w\" width=\"376\" height=\"567\" loading=\"lazy\" data-original-width=\"376\" data-original-height=\"567\" itemprop=\"http:\/\/schema.org\/image\" title=\"Capture d\u2019\u00e9cran, le 2023-11-15 \u00e0 14.34.50\" alt=\"Capture d\u2019\u00e9cran, le 2023-11-15 \u00e0 14.34.50\" style=\"width: 376px; height: 567px;\" \/> <\/a> <\/div> <\/div> <!-- close group --> <div class=\"gallery-group images-3\" style=\"width: 320px; height: 571px;\" data-original-width=\"320\" data-original-height=\"571\" > <div class=\"tiled-gallery-item tiled-gallery-item-large\" itemprop=\"associatedMedia\" itemscope itemtype=\"http:\/\/schema.org\/ImageObject\"> <a href=\"https:\/\/itayachtscanada.com\/fr\/listing\/sunreef-60-sail-2020-3900000-usd-for-sale\/capture-decran-le-2023-11-15-a-14-55-07\/\" border=\"0\" itemprop=\"url\"> <meta itemprop=\"width\" content=\"316\"> <meta itemprop=\"height\" content=\"168\"> <img decoding=\"async\" class=\"\" data-attachment-id=\"141475\" data-orig-file=\"https:\/\/itayachtscanada.com\/wp-content\/uploads\/2023\/11\/Capture-decran-le-2023-11-15-a-14.55.07.png\" data-orig-size=\"1842,980\" data-comments-opened=\"1\" data-image-meta=\"{&quot;aperture&quot;:&quot;0&quot;,&quot;credit&quot;:&quot;&quot;,&quot;camera&quot;:&quot;&quot;,&quot;caption&quot;:&quot;&quot;,&quot;created_timestamp&quot;:&quot;0&quot;,&quot;copyright&quot;:&quot;&quot;,&quot;focal_length&quot;:&quot;0&quot;,&quot;iso&quot;:&quot;0&quot;,&quot;shutter_speed&quot;:&quot;0&quot;,&quot;title&quot;:&quot;&quot;,&quot;orientation&quot;:&quot;0&quot;}\" data-image-title=\"Capture d\u2019\u00e9cran, le 2023-11-15 \u00e0 14.55.07\" data-image-description=\"\" data-medium-file=\"https:\/\/i0.wp.com\/itayachtscanada.com\/wp-content\/uploads\/2023\/11\/Capture-decran-le-2023-11-15-a-14.55.07.png?fit=300%2C160&#038;ssl=1\" data-large-file=\"https:\/\/i0.wp.com\/itayachtscanada.com\/wp-content\/uploads\/2023\/11\/Capture-decran-le-2023-11-15-a-14.55.07.png?fit=700%2C373&#038;ssl=1\" src=\"https:\/\/i0.wp.com\/itayachtscanada.com\/wp-content\/uploads\/2023\/11\/Capture-decran-le-2023-11-15-a-14.55.07.png?w=316&#038;h=168&#038;ssl=1\" srcset=\"https:\/\/i0.wp.com\/itayachtscanada.com\/wp-content\/uploads\/2023\/11\/Capture-decran-le-2023-11-15-a-14.55.07.png?w=1842&amp;ssl=1 1842w, https:\/\/i0.wp.com\/itayachtscanada.com\/wp-content\/uploads\/2023\/11\/Capture-decran-le-2023-11-15-a-14.55.07.png?resize=300%2C160&amp;ssl=1 300w, https:\/\/i0.wp.com\/itayachtscanada.com\/wp-content\/uploads\/2023\/11\/Capture-decran-le-2023-11-15-a-14.55.07.png?resize=1024%2C545&amp;ssl=1 1024w, https:\/\/i0.wp.com\/itayachtscanada.com\/wp-content\/uploads\/2023\/11\/Capture-decran-le-2023-11-15-a-14.55.07.png?resize=768%2C409&amp;ssl=1 768w, https:\/\/i0.wp.com\/itayachtscanada.com\/wp-content\/uploads\/2023\/11\/Capture-decran-le-2023-11-15-a-14.55.07.png?resize=1536%2C817&amp;ssl=1 1536w, https:\/\/i0.wp.com\/itayachtscanada.com\/wp-content\/uploads\/2023\/11\/Capture-decran-le-2023-11-15-a-14.55.07.png?resize=1200%2C638&amp;ssl=1 1200w, https:\/\/i0.wp.com\/itayachtscanada.com\/wp-content\/uploads\/2023\/11\/Capture-decran-le-2023-11-15-a-14.55.07.png?resize=700%2C372&amp;ssl=1 700w, https:\/\/i0.wp.com\/itayachtscanada.com\/wp-content\/uploads\/2023\/11\/Capture-decran-le-2023-11-15-a-14.55.07.png?resize=752%2C400&amp;ssl=1 752w, https:\/\/i0.wp.com\/itayachtscanada.com\/wp-content\/uploads\/2023\/11\/Capture-decran-le-2023-11-15-a-14.55.07.png?w=1400&amp;ssl=1 1400w\" width=\"316\" height=\"168\" loading=\"lazy\" data-original-width=\"316\" data-original-height=\"168\" itemprop=\"http:\/\/schema.org\/image\" title=\"Capture d\u2019\u00e9cran, le 2023-11-15 \u00e0 14.55.07\" alt=\"Capture d\u2019\u00e9cran, le 2023-11-15 \u00e0 14.55.07\" style=\"width: 316px; height: 168px;\" \/> <\/a> <\/div> <div class=\"tiled-gallery-item tiled-gallery-item-large\" itemprop=\"associatedMedia\" itemscope itemtype=\"http:\/\/schema.org\/ImageObject\"> <a href=\"https:\/\/itayachtscanada.com\/fr\/listing\/sunreef-60-sail-2020-3900000-usd-for-sale\/layout-sunreef-60-relentless-diagram-jpg\/\" border=\"0\" itemprop=\"url\"> <meta itemprop=\"width\" content=\"316\"> <meta itemprop=\"height\" content=\"223\"> <img decoding=\"async\" class=\"\" data-attachment-id=\"141476\" data-orig-file=\"https:\/\/itayachtscanada.com\/wp-content\/uploads\/2023\/11\/layout-sunreef-60-relentless-diagram.jpg.webp\" data-orig-size=\"2000,1413\" data-comments-opened=\"1\" data-image-meta=\"{&quot;aperture&quot;:&quot;0&quot;,&quot;credit&quot;:&quot;&quot;,&quot;camera&quot;:&quot;&quot;,&quot;caption&quot;:&quot;&quot;,&quot;created_timestamp&quot;:&quot;0&quot;,&quot;copyright&quot;:&quot;&quot;,&quot;focal_length&quot;:&quot;0&quot;,&quot;iso&quot;:&quot;0&quot;,&quot;shutter_speed&quot;:&quot;0&quot;,&quot;title&quot;:&quot;&quot;,&quot;orientation&quot;:&quot;0&quot;}\" data-image-title=\"layout sunreef-60-relentless diagram.jpg\" data-image-description=\"\" data-medium-file=\"https:\/\/i0.wp.com\/itayachtscanada.com\/wp-content\/uploads\/2023\/11\/layout-sunreef-60-relentless-diagram.jpg.webp?fit=300%2C212&#038;ssl=1\" data-large-file=\"https:\/\/i0.wp.com\/itayachtscanada.com\/wp-content\/uploads\/2023\/11\/layout-sunreef-60-relentless-diagram.jpg.webp?fit=700%2C494&#038;ssl=1\" src=\"https:\/\/i0.wp.com\/itayachtscanada.com\/wp-content\/uploads\/2023\/11\/layout-sunreef-60-relentless-diagram.jpg.webp?w=316&#038;h=223&#038;ssl=1\" srcset=\"https:\/\/i0.wp.com\/itayachtscanada.com\/wp-content\/uploads\/2023\/11\/layout-sunreef-60-relentless-diagram.jpg.webp?w=2000&amp;ssl=1 2000w, https:\/\/i0.wp.com\/itayachtscanada.com\/wp-content\/uploads\/2023\/11\/layout-sunreef-60-relentless-diagram.jpg.webp?resize=300%2C212&amp;ssl=1 300w, https:\/\/i0.wp.com\/itayachtscanada.com\/wp-content\/uploads\/2023\/11\/layout-sunreef-60-relentless-diagram.jpg.webp?resize=1024%2C723&amp;ssl=1 1024w, https:\/\/i0.wp.com\/itayachtscanada.com\/wp-content\/uploads\/2023\/11\/layout-sunreef-60-relentless-diagram.jpg.webp?resize=768%2C543&amp;ssl=1 768w, https:\/\/i0.wp.com\/itayachtscanada.com\/wp-content\/uploads\/2023\/11\/layout-sunreef-60-relentless-diagram.jpg.webp?resize=1536%2C1085&amp;ssl=1 1536w, https:\/\/i0.wp.com\/itayachtscanada.com\/wp-content\/uploads\/2023\/11\/layout-sunreef-60-relentless-diagram.jpg.webp?resize=1200%2C848&amp;ssl=1 1200w, https:\/\/i0.wp.com\/itayachtscanada.com\/wp-content\/uploads\/2023\/11\/layout-sunreef-60-relentless-diagram.jpg.webp?resize=700%2C495&amp;ssl=1 700w, https:\/\/i0.wp.com\/itayachtscanada.com\/wp-content\/uploads\/2023\/11\/layout-sunreef-60-relentless-diagram.jpg.webp?resize=566%2C400&amp;ssl=1 566w, https:\/\/i0.wp.com\/itayachtscanada.com\/wp-content\/uploads\/2023\/11\/layout-sunreef-60-relentless-diagram.jpg.webp?w=1400&amp;ssl=1 1400w\" width=\"316\" height=\"223\" loading=\"lazy\" data-original-width=\"316\" data-original-height=\"223\" itemprop=\"http:\/\/schema.org\/image\" title=\"layout sunreef-60-relentless diagram.jpg\" alt=\"layout sunreef-60-relentless diagram.jpg\" style=\"width: 316px; height: 223px;\" \/> <\/a> <\/div> <div class=\"tiled-gallery-item tiled-gallery-item-large\" itemprop=\"associatedMedia\" itemscope itemtype=\"http:\/\/schema.org\/ImageObject\"> <a href=\"https:\/\/itayachtscanada.com\/fr\/listing\/sunreef-60-sail-2020-3900000-usd-for-sale\/capture-decran-le-2023-11-15-a-14-55-18\/\" border=\"0\" itemprop=\"url\"> <meta itemprop=\"width\" content=\"316\"> <meta itemprop=\"height\" content=\"168\"> <img decoding=\"async\" class=\"\" data-attachment-id=\"141473\" data-orig-file=\"https:\/\/itayachtscanada.com\/wp-content\/uploads\/2023\/11\/Capture-decran-le-2023-11-15-a-14.55.18.png\" data-orig-size=\"1842,980\" data-comments-opened=\"1\" data-image-meta=\"{&quot;aperture&quot;:&quot;0&quot;,&quot;credit&quot;:&quot;&quot;,&quot;camera&quot;:&quot;&quot;,&quot;caption&quot;:&quot;&quot;,&quot;created_timestamp&quot;:&quot;0&quot;,&quot;copyright&quot;:&quot;&quot;,&quot;focal_length&quot;:&quot;0&quot;,&quot;iso&quot;:&quot;0&quot;,&quot;shutter_speed&quot;:&quot;0&quot;,&quot;title&quot;:&quot;&quot;,&quot;orientation&quot;:&quot;0&quot;}\" data-image-title=\"Capture d\u2019\u00e9cran, le 2023-11-15 \u00e0 14.55.18\" data-image-description=\"\" data-medium-file=\"https:\/\/i0.wp.com\/itayachtscanada.com\/wp-content\/uploads\/2023\/11\/Capture-decran-le-2023-11-15-a-14.55.18.png?fit=300%2C160&#038;ssl=1\" data-large-file=\"https:\/\/i0.wp.com\/itayachtscanada.com\/wp-content\/uploads\/2023\/11\/Capture-decran-le-2023-11-15-a-14.55.18.png?fit=700%2C373&#038;ssl=1\" src=\"https:\/\/i0.wp.com\/itayachtscanada.com\/wp-content\/uploads\/2023\/11\/Capture-decran-le-2023-11-15-a-14.55.18.png?w=316&#038;h=168&#038;ssl=1\" srcset=\"https:\/\/i0.wp.com\/itayachtscanada.com\/wp-content\/uploads\/2023\/11\/Capture-decran-le-2023-11-15-a-14.55.18.png?w=1842&amp;ssl=1 1842w, https:\/\/i0.wp.com\/itayachtscanada.com\/wp-content\/uploads\/2023\/11\/Capture-decran-le-2023-11-15-a-14.55.18.png?resize=300%2C160&amp;ssl=1 300w, https:\/\/i0.wp.com\/itayachtscanada.com\/wp-content\/uploads\/2023\/11\/Capture-decran-le-2023-11-15-a-14.55.18.png?resize=1024%2C545&amp;ssl=1 1024w, https:\/\/i0.wp.com\/itayachtscanada.com\/wp-content\/uploads\/2023\/11\/Capture-decran-le-2023-11-15-a-14.55.18.png?resize=768%2C409&amp;ssl=1 768w, https:\/\/i0.wp.com\/itayachtscanada.com\/wp-content\/uploads\/2023\/11\/Capture-decran-le-2023-11-15-a-14.55.18.png?resize=1536%2C817&amp;ssl=1 1536w, https:\/\/i0.wp.com\/itayachtscanada.com\/wp-content\/uploads\/2023\/11\/Capture-decran-le-2023-11-15-a-14.55.18.png?resize=1200%2C638&amp;ssl=1 1200w, https:\/\/i0.wp.com\/itayachtscanada.com\/wp-content\/uploads\/2023\/11\/Capture-decran-le-2023-11-15-a-14.55.18.png?resize=700%2C372&amp;ssl=1 700w, https:\/\/i0.wp.com\/itayachtscanada.com\/wp-content\/uploads\/2023\/11\/Capture-decran-le-2023-11-15-a-14.55.18.png?resize=752%2C400&amp;ssl=1 752w, https:\/\/i0.wp.com\/itayachtscanada.com\/wp-content\/uploads\/2023\/11\/Capture-decran-le-2023-11-15-a-14.55.18.png?w=1400&amp;ssl=1 1400w\" width=\"316\" height=\"168\" loading=\"lazy\" data-original-width=\"316\" data-original-height=\"168\" itemprop=\"http:\/\/schema.org\/image\" title=\"Capture d\u2019\u00e9cran, le 2023-11-15 \u00e0 14.55.18\" alt=\"Capture d\u2019\u00e9cran, le 2023-11-15 \u00e0 14.55.18\" style=\"width: 316px; height: 168px;\" \/> <\/a> <\/div> <\/div> <!-- close group --> <\/div> <!-- close row --> <div class=\"gallery-row\" style=\"width: 700px; height: 161px;\" data-original-width=\"700\" data-original-height=\"161\" > <div class=\"gallery-group images-1\" style=\"width: 700px; height: 161px;\" data-original-width=\"700\" data-original-height=\"161\" > <div class=\"tiled-gallery-item tiled-gallery-item-large\" itemprop=\"associatedMedia\" itemscope itemtype=\"http:\/\/schema.org\/ImageObject\"> <a href=\"https:\/\/itayachtscanada.com\/fr\/listing\/sunreef-60-sail-2020-3900000-usd-for-sale\/capture-decran-le-2023-11-15-a-14-57-08\/\" border=\"0\" itemprop=\"url\"> <meta itemprop=\"width\" content=\"696\"> <meta itemprop=\"height\" content=\"157\"> <img decoding=\"async\" class=\"\" data-attachment-id=\"141472\" data-orig-file=\"https:\/\/itayachtscanada.com\/wp-content\/uploads\/2023\/11\/Capture-decran-le-2023-11-15-a-14.57.08.png\" data-orig-size=\"1700,384\" data-comments-opened=\"1\" data-image-meta=\"{&quot;aperture&quot;:&quot;0&quot;,&quot;credit&quot;:&quot;&quot;,&quot;camera&quot;:&quot;&quot;,&quot;caption&quot;:&quot;&quot;,&quot;created_timestamp&quot;:&quot;0&quot;,&quot;copyright&quot;:&quot;&quot;,&quot;focal_length&quot;:&quot;0&quot;,&quot;iso&quot;:&quot;0&quot;,&quot;shutter_speed&quot;:&quot;0&quot;,&quot;title&quot;:&quot;&quot;,&quot;orientation&quot;:&quot;0&quot;}\" data-image-title=\"Capture d\u2019\u00e9cran, le 2023-11-15 \u00e0 14.57.08\" data-image-description=\"\" data-medium-file=\"https:\/\/i0.wp.com\/itayachtscanada.com\/wp-content\/uploads\/2023\/11\/Capture-decran-le-2023-11-15-a-14.57.08.png?fit=300%2C68&#038;ssl=1\" data-large-file=\"https:\/\/i0.wp.com\/itayachtscanada.com\/wp-content\/uploads\/2023\/11\/Capture-decran-le-2023-11-15-a-14.57.08.png?fit=700%2C158&#038;ssl=1\" src=\"https:\/\/i0.wp.com\/itayachtscanada.com\/wp-content\/uploads\/2023\/11\/Capture-decran-le-2023-11-15-a-14.57.08.png?w=696&#038;h=157&#038;ssl=1\" srcset=\"https:\/\/i0.wp.com\/itayachtscanada.com\/wp-content\/uploads\/2023\/11\/Capture-decran-le-2023-11-15-a-14.57.08.png?w=1700&amp;ssl=1 1700w, https:\/\/i0.wp.com\/itayachtscanada.com\/wp-content\/uploads\/2023\/11\/Capture-decran-le-2023-11-15-a-14.57.08.png?resize=300%2C68&amp;ssl=1 300w, https:\/\/i0.wp.com\/itayachtscanada.com\/wp-content\/uploads\/2023\/11\/Capture-decran-le-2023-11-15-a-14.57.08.png?resize=1024%2C231&amp;ssl=1 1024w, https:\/\/i0.wp.com\/itayachtscanada.com\/wp-content\/uploads\/2023\/11\/Capture-decran-le-2023-11-15-a-14.57.08.png?resize=768%2C173&amp;ssl=1 768w, https:\/\/i0.wp.com\/itayachtscanada.com\/wp-content\/uploads\/2023\/11\/Capture-decran-le-2023-11-15-a-14.57.08.png?resize=1536%2C347&amp;ssl=1 1536w, https:\/\/i0.wp.com\/itayachtscanada.com\/wp-content\/uploads\/2023\/11\/Capture-decran-le-2023-11-15-a-14.57.08.png?resize=1200%2C271&amp;ssl=1 1200w, https:\/\/i0.wp.com\/itayachtscanada.com\/wp-content\/uploads\/2023\/11\/Capture-decran-le-2023-11-15-a-14.57.08.png?resize=700%2C158&amp;ssl=1 700w, https:\/\/i0.wp.com\/itayachtscanada.com\/wp-content\/uploads\/2023\/11\/Capture-decran-le-2023-11-15-a-14.57.08.png?w=1400&amp;ssl=1 1400w\" width=\"696\" height=\"157\" loading=\"lazy\" data-original-width=\"696\" data-original-height=\"157\" itemprop=\"http:\/\/schema.org\/image\" title=\"Capture d\u2019\u00e9cran, le 2023-11-15 \u00e0 14.57.08\" alt=\"Capture d\u2019\u00e9cran, le 2023-11-15 \u00e0 14.57.08\" style=\"width: 696px; height: 157px;\" \/> <\/a> <\/div> <\/div> <!-- close group --> <\/div> <!-- close row --> <div class=\"gallery-row\" style=\"width: 700px; height: 303px;\" data-original-width=\"700\" data-original-height=\"303\" > <div class=\"gallery-group images-2\" style=\"width: 242px; height: 303px;\" data-original-width=\"242\" data-original-height=\"303\" > <div class=\"tiled-gallery-item tiled-gallery-item-small\" itemprop=\"associatedMedia\" itemscope itemtype=\"http:\/\/schema.org\/ImageObject\"> <a href=\"https:\/\/itayachtscanada.com\/fr\/listing\/sunreef-60-sail-2020-3900000-usd-for-sale\/capture-decran-le-2023-11-15-a-14-59-27\/\" border=\"0\" itemprop=\"url\"> <meta itemprop=\"width\" content=\"238\"> <meta itemprop=\"height\" content=\"148\"> <img decoding=\"async\" class=\"\" data-attachment-id=\"141468\" data-orig-file=\"https:\/\/itayachtscanada.com\/wp-content\/uploads\/2023\/11\/Capture-decran-le-2023-11-15-a-14.59.27.png\" data-orig-size=\"1306,810\" data-comments-opened=\"1\" data-image-meta=\"{&quot;aperture&quot;:&quot;0&quot;,&quot;credit&quot;:&quot;&quot;,&quot;camera&quot;:&quot;&quot;,&quot;caption&quot;:&quot;&quot;,&quot;created_timestamp&quot;:&quot;0&quot;,&quot;copyright&quot;:&quot;&quot;,&quot;focal_length&quot;:&quot;0&quot;,&quot;iso&quot;:&quot;0&quot;,&quot;shutter_speed&quot;:&quot;0&quot;,&quot;title&quot;:&quot;&quot;,&quot;orientation&quot;:&quot;0&quot;}\" data-image-title=\"Capture d\u2019\u00e9cran, le 2023-11-15 \u00e0 14.59.27\" data-image-description=\"\" data-medium-file=\"https:\/\/i0.wp.com\/itayachtscanada.com\/wp-content\/uploads\/2023\/11\/Capture-decran-le-2023-11-15-a-14.59.27.png?fit=300%2C186&#038;ssl=1\" data-large-file=\"https:\/\/i0.wp.com\/itayachtscanada.com\/wp-content\/uploads\/2023\/11\/Capture-decran-le-2023-11-15-a-14.59.27.png?fit=700%2C434&#038;ssl=1\" src=\"https:\/\/i0.wp.com\/itayachtscanada.com\/wp-content\/uploads\/2023\/11\/Capture-decran-le-2023-11-15-a-14.59.27.png?w=238&#038;h=148&#038;ssl=1\" srcset=\"https:\/\/i0.wp.com\/itayachtscanada.com\/wp-content\/uploads\/2023\/11\/Capture-decran-le-2023-11-15-a-14.59.27.png?w=1306&amp;ssl=1 1306w, https:\/\/i0.wp.com\/itayachtscanada.com\/wp-content\/uploads\/2023\/11\/Capture-decran-le-2023-11-15-a-14.59.27.png?resize=300%2C186&amp;ssl=1 300w, https:\/\/i0.wp.com\/itayachtscanada.com\/wp-content\/uploads\/2023\/11\/Capture-decran-le-2023-11-15-a-14.59.27.png?resize=1024%2C635&amp;ssl=1 1024w, https:\/\/i0.wp.com\/itayachtscanada.com\/wp-content\/uploads\/2023\/11\/Capture-decran-le-2023-11-15-a-14.59.27.png?resize=768%2C476&amp;ssl=1 768w, https:\/\/i0.wp.com\/itayachtscanada.com\/wp-content\/uploads\/2023\/11\/Capture-decran-le-2023-11-15-a-14.59.27.png?resize=1200%2C744&amp;ssl=1 1200w, https:\/\/i0.wp.com\/itayachtscanada.com\/wp-content\/uploads\/2023\/11\/Capture-decran-le-2023-11-15-a-14.59.27.png?resize=700%2C434&amp;ssl=1 700w, https:\/\/i0.wp.com\/itayachtscanada.com\/wp-content\/uploads\/2023\/11\/Capture-decran-le-2023-11-15-a-14.59.27.png?resize=645%2C400&amp;ssl=1 645w\" width=\"238\" height=\"148\" loading=\"lazy\" data-original-width=\"238\" data-original-height=\"148\" itemprop=\"http:\/\/schema.org\/image\" title=\"Capture d\u2019\u00e9cran, le 2023-11-15 \u00e0 14.59.27\" alt=\"Capture d\u2019\u00e9cran, le 2023-11-15 \u00e0 14.59.27\" style=\"width: 238px; height: 148px;\" \/> <\/a> <\/div> <div class=\"tiled-gallery-item tiled-gallery-item-small\" itemprop=\"associatedMedia\" itemscope itemtype=\"http:\/\/schema.org\/ImageObject\"> <a href=\"https:\/\/itayachtscanada.com\/fr\/listing\/sunreef-60-sail-2020-3900000-usd-for-sale\/capture-decran-le-2023-11-15-a-14-59-18\/\" border=\"0\" itemprop=\"url\"> <meta itemprop=\"width\" content=\"238\"> <meta itemprop=\"height\" content=\"147\"> <img decoding=\"async\" class=\"\" data-attachment-id=\"141469\" data-orig-file=\"https:\/\/itayachtscanada.com\/wp-content\/uploads\/2023\/11\/Capture-decran-le-2023-11-15-a-14.59.18.png\" data-orig-size=\"1306,810\" data-comments-opened=\"1\" data-image-meta=\"{&quot;aperture&quot;:&quot;0&quot;,&quot;credit&quot;:&quot;&quot;,&quot;camera&quot;:&quot;&quot;,&quot;caption&quot;:&quot;&quot;,&quot;created_timestamp&quot;:&quot;0&quot;,&quot;copyright&quot;:&quot;&quot;,&quot;focal_length&quot;:&quot;0&quot;,&quot;iso&quot;:&quot;0&quot;,&quot;shutter_speed&quot;:&quot;0&quot;,&quot;title&quot;:&quot;&quot;,&quot;orientation&quot;:&quot;0&quot;}\" data-image-title=\"Capture d\u2019\u00e9cran, le 2023-11-15 \u00e0 14.59.18\" data-image-description=\"\" data-medium-file=\"https:\/\/i0.wp.com\/itayachtscanada.com\/wp-content\/uploads\/2023\/11\/Capture-decran-le-2023-11-15-a-14.59.18.png?fit=300%2C186&#038;ssl=1\" data-large-file=\"https:\/\/i0.wp.com\/itayachtscanada.com\/wp-content\/uploads\/2023\/11\/Capture-decran-le-2023-11-15-a-14.59.18.png?fit=700%2C434&#038;ssl=1\" src=\"https:\/\/i0.wp.com\/itayachtscanada.com\/wp-content\/uploads\/2023\/11\/Capture-decran-le-2023-11-15-a-14.59.18.png?w=238&#038;h=147&#038;ssl=1\" srcset=\"https:\/\/i0.wp.com\/itayachtscanada.com\/wp-content\/uploads\/2023\/11\/Capture-decran-le-2023-11-15-a-14.59.18.png?w=1306&amp;ssl=1 1306w, https:\/\/i0.wp.com\/itayachtscanada.com\/wp-content\/uploads\/2023\/11\/Capture-decran-le-2023-11-15-a-14.59.18.png?resize=300%2C186&amp;ssl=1 300w, https:\/\/i0.wp.com\/itayachtscanada.com\/wp-content\/uploads\/2023\/11\/Capture-decran-le-2023-11-15-a-14.59.18.png?resize=1024%2C635&amp;ssl=1 1024w, https:\/\/i0.wp.com\/itayachtscanada.com\/wp-content\/uploads\/2023\/11\/Capture-decran-le-2023-11-15-a-14.59.18.png?resize=768%2C476&amp;ssl=1 768w, https:\/\/i0.wp.com\/itayachtscanada.com\/wp-content\/uploads\/2023\/11\/Capture-decran-le-2023-11-15-a-14.59.18.png?resize=1200%2C744&amp;ssl=1 1200w, https:\/\/i0.wp.com\/itayachtscanada.com\/wp-content\/uploads\/2023\/11\/Capture-decran-le-2023-11-15-a-14.59.18.png?resize=700%2C434&amp;ssl=1 700w, https:\/\/i0.wp.com\/itayachtscanada.com\/wp-content\/uploads\/2023\/11\/Capture-decran-le-2023-11-15-a-14.59.18.png?resize=645%2C400&amp;ssl=1 645w\" width=\"238\" height=\"147\" loading=\"lazy\" data-original-width=\"238\" data-original-height=\"147\" itemprop=\"http:\/\/schema.org\/image\" title=\"Capture d\u2019\u00e9cran, le 2023-11-15 \u00e0 14.59.18\" alt=\"Capture d\u2019\u00e9cran, le 2023-11-15 \u00e0 14.59.18\" style=\"width: 238px; height: 147px;\" \/> <\/a> <\/div> <\/div> <!-- close group --> <div class=\"gallery-group images-1\" style=\"width: 458px; height: 303px;\" data-original-width=\"458\" data-original-height=\"303\" > <div class=\"tiled-gallery-item tiled-gallery-item-large\" itemprop=\"associatedMedia\" itemscope itemtype=\"http:\/\/schema.org\/ImageObject\"> <a href=\"https:\/\/itayachtscanada.com\/fr\/listing\/sunreef-60-sail-2020-3900000-usd-for-sale\/capture-decran-le-2023-11-15-a-14-59-00\/\" border=\"0\" itemprop=\"url\"> <meta itemprop=\"width\" content=\"454\"> <meta itemprop=\"height\" content=\"299\"> <img decoding=\"async\" class=\"\" data-attachment-id=\"141470\" data-orig-file=\"https:\/\/itayachtscanada.com\/wp-content\/uploads\/2023\/11\/Capture-decran-le-2023-11-15-a-14.59.00.png\" data-orig-size=\"1172,772\" data-comments-opened=\"1\" data-image-meta=\"{&quot;aperture&quot;:&quot;0&quot;,&quot;credit&quot;:&quot;&quot;,&quot;camera&quot;:&quot;&quot;,&quot;caption&quot;:&quot;&quot;,&quot;created_timestamp&quot;:&quot;0&quot;,&quot;copyright&quot;:&quot;&quot;,&quot;focal_length&quot;:&quot;0&quot;,&quot;iso&quot;:&quot;0&quot;,&quot;shutter_speed&quot;:&quot;0&quot;,&quot;title&quot;:&quot;&quot;,&quot;orientation&quot;:&quot;0&quot;}\" data-image-title=\"Capture d\u2019\u00e9cran, le 2023-11-15 \u00e0 14.59.00\" data-image-description=\"\" data-medium-file=\"https:\/\/i0.wp.com\/itayachtscanada.com\/wp-content\/uploads\/2023\/11\/Capture-decran-le-2023-11-15-a-14.59.00.png?fit=300%2C198&#038;ssl=1\" data-large-file=\"https:\/\/i0.wp.com\/itayachtscanada.com\/wp-content\/uploads\/2023\/11\/Capture-decran-le-2023-11-15-a-14.59.00.png?fit=700%2C461&#038;ssl=1\" src=\"https:\/\/i0.wp.com\/itayachtscanada.com\/wp-content\/uploads\/2023\/11\/Capture-decran-le-2023-11-15-a-14.59.00.png?w=454&#038;h=299&#038;ssl=1\" srcset=\"https:\/\/i0.wp.com\/itayachtscanada.com\/wp-content\/uploads\/2023\/11\/Capture-decran-le-2023-11-15-a-14.59.00.png?w=1172&amp;ssl=1 1172w, https:\/\/i0.wp.com\/itayachtscanada.com\/wp-content\/uploads\/2023\/11\/Capture-decran-le-2023-11-15-a-14.59.00.png?resize=300%2C198&amp;ssl=1 300w, https:\/\/i0.wp.com\/itayachtscanada.com\/wp-content\/uploads\/2023\/11\/Capture-decran-le-2023-11-15-a-14.59.00.png?resize=1024%2C675&amp;ssl=1 1024w, https:\/\/i0.wp.com\/itayachtscanada.com\/wp-content\/uploads\/2023\/11\/Capture-decran-le-2023-11-15-a-14.59.00.png?resize=768%2C506&amp;ssl=1 768w, https:\/\/i0.wp.com\/itayachtscanada.com\/wp-content\/uploads\/2023\/11\/Capture-decran-le-2023-11-15-a-14.59.00.png?resize=700%2C461&amp;ssl=1 700w, https:\/\/i0.wp.com\/itayachtscanada.com\/wp-content\/uploads\/2023\/11\/Capture-decran-le-2023-11-15-a-14.59.00.png?resize=607%2C400&amp;ssl=1 607w\" width=\"454\" height=\"299\" loading=\"lazy\" data-original-width=\"454\" data-original-height=\"299\" itemprop=\"http:\/\/schema.org\/image\" title=\"Capture d\u2019\u00e9cran, le 2023-11-15 \u00e0 14.59.00\" alt=\"Capture d\u2019\u00e9cran, le 2023-11-15 \u00e0 14.59.00\" style=\"width: 454px; height: 299px;\" \/> <\/a> <\/div> <\/div> <!-- close group --> <\/div> <!-- close row --> <\/div>\n<p>&nbsp;<\/p>\n<div class=\"jetpack-video-wrapper\"><span class=\"embed-youtube\" style=\"text-align:center; display: block;\"><iframe loading=\"lazy\" class=\"youtube-player\" width=\"700\" height=\"394\" src=\"https:\/\/www.youtube.com\/embed\/2IodJv77LBA?version=3&#038;rel=1&#038;showsearch=0&#038;showinfo=1&#038;iv_load_policy=1&#038;fs=1&#038;hl=fr-FR&#038;autohide=2&#038;wmode=transparent\" allowfullscreen=\"true\" style=\"border:0;\" sandbox=\"allow-scripts allow-same-origin allow-popups allow-presentation allow-popups-to-escape-sandbox\"><\/iframe><\/span><\/div>\n<p>&nbsp;<\/p>\n<div>\n<p>&nbsp;<\/p>\n<div>\n<p><b>Ita Yachts Canada propose de vous assister et de voir \u00e0 vos int\u00e9r\u00eats pour l\u2019achat de ce yacht qui est \u00e0 vendre par une autre organisation. Nous serons pr\u00e9sents lors de l\u2019inspection et tout au long de la transaction et ce peu importe sa localisation. L\u2019\u00e9quipe d\u2019Ita Yachts Canada se soumet au plus haut standard d\u2019\u00e9thique.<\/b><\/p>\n<\/div>\n<p style=\"font-weight: 400;\"><strong>\u00a0<\/strong><\/p>\n<div>\n<p><strong>AVIS DE NON-RESPONSABILIT\u00c9<\/strong><\/p>\n<\/div>\n<div>\n<p><strong>Le bateau qui est pr\u00e9sent\u00e9 sur cette page, l\u2019est uniquement \u00e0 titre d&rsquo;information et n&rsquo;est pas n\u00e9cessairement toujours disponible \u00e0 la vente et\/ou \u00e0 la location.<\/strong><span class=\"apple-converted-space\"><b>\u00a0<\/b><\/span><strong>Ce bateau est peut-\u00eatre offert sous r\u00e9serve, il faut v\u00e9rifier sa disponibilit\u00e9.<\/strong><span class=\"apple-converted-space\"><b>\u00a0<\/b><\/span><strong>\u00a0Ce document ou cette annonce n&rsquo;est pas contractuel. Les informations sur les bateaux affich\u00e9es dans les r\u00e9sultats ci-dessus sont pr\u00e9sent\u00e9es en toute bonne foi et, bien qu&rsquo;elles soient consid\u00e9r\u00e9es comme correctes, elles ne sont pas garanties. Ita Yachts Canada ne garantit pas et n&rsquo;assume aucune responsabilit\u00e9 l\u00e9gale ou responsabilit\u00e9 pour l&rsquo;exactitude, l&rsquo;exhaustivit\u00e9 ou l&rsquo;utilit\u00e9 des informations et\/ou des images affich\u00e9es, car elles peuvent ne pas \u00eatre \u00e0 jour ou encore \u00eatres des images d&rsquo;un bateau comparable. Toutes les informations sur les bateaux peuvent \u00eatre modifi\u00e9es sans pr\u00e9avis et sont sans garantie.<\/strong><span class=\"apple-converted-space\">\u00a0<\/span><strong>Ce bateau est peut-\u00eatre offert par un autre courtier ouvert au co-courtage (co-brokerage).<\/strong><\/p>\n<\/div>\n<p>&nbsp;<\/p>\n<div data-test='contact-form'\n\t\t\tid='contact-form-141460'\n\t\t\tclass='jetpack-contact-form-container '\n\t\t\tdata-wp-interactive='jetpack\/form' data-wp-context='{\"formId\":\"141460\",\"formHash\":\"5e6d8ece55ff9daa7367dcb15a2d979364821df9\",\"showErrors\":false,\"errors\":[],\"fields\":[],\"isMultiStep\":false,\"useAjax\":false,\"submissionData\":null,\"formattedSubmissionData\":[],\"submissionSuccess\":false,\"submissionError\":null,\"elementId\":\"jp-form-5e6d8ece55ff9daa7367dcb15a2d979364821df9\",\"isSingleInputForm\":false,\"isForcedHorizontal\":false}'\n\t\t\tdata-wp-watch--scroll-to-wrapper=\"callbacks.scrollToWrapper\"\n\t\t>\n<div class=\"contact-form-submission contact-form-ajax-submission\" data-wp-bind--aria-hidden=\"state.isSuccessMessageAriaHidden\" data-wp-class--submission-success=\"context.submissionSuccess\" id=\"contact-form-success-5e6d8ece55ff9daa7367dcb15a2d979364821df9\" tabindex=\"-1\" aria-labelledby=\"contact-form-success-header-5e6d8ece55ff9daa7367dcb15a2d979364821df9\"><p class=\"go-back-message\"><a class=\"link\" role=\"button\" tabindex=\"0\" data-wp-on--click=\"actions.goBack\" href=\"\/fr\/wp-json\/wp\/v2\/listing\/141460\">\u2190 Retour<\/a><\/p><h4 data-wp-bind--aria-hidden=\"state.isSuccessMessageAriaHidden\" id=\"contact-form-success-header-5e6d8ece55ff9daa7367dcb15a2d979364821df9\">Merci pour votre r\u00e9ponse. \u2728<\/h4>\n\n<template data-wp-each--submission=\"context.formattedSubmissionData\">\n\t\t\t\t\t<div class=\"jetpack_forms_contact-form-success-summary\">\n\t\t\t\t\t\t<div class=\"field-name-wrapper\">\n\t\t\t\t\t\t\t<div class=\"field-type-icon\" data-wp-watch=\"callbacks.watchFieldTypeIcon\"><\/div>\n\t\t\t\t\t\t\t<div class=\"field-name\" data-wp-text=\"context.submission.label\" data-wp-bind--hidden=\"!context.submission.label\"><\/div>\n\t\t\t\t\t\t<\/div>\n\t\t\t\t\t\t<div class=\"field-value\" data-wp-text=\"context.submission.value\" data-wp-bind--hidden=\"!context.submission.showPlainValue\"><\/div>\n\t\t\t\t\t\t<a class=\"field-url\" data-wp-bind--href=\"context.submission.url\" data-wp-text=\"context.submission.value\" data-wp-bind--hidden=\"!context.submission.url\" target=\"_blank\" rel=\"noopener noreferrer\"><\/a>\n\t\t\t\t\t\t<div class=\"field-rating\" data-wp-bind--hidden=\"!context.submission.rating\" data-wp-watch=\"callbacks.watchRatingIcons\"><\/div>\n\t\t\t\t\t\t<div class=\"field-images\" data-wp-bind--hidden=\"!context.submission.images\">\n\t\t\t\t\t\t\t<template data-wp-each--image=\"context.submission.images\">\n\t\t\t\t\t\t\t\t<div class=\"field-image-option\" data-wp-class--is-empty=\"!context.image.src\">\n\t\t\t\t\t\t\t\t\t<figure class=\"field-image-option__image\" data-wp-class--is-empty=\"!context.image.src\">\n\t\t\t\t\t\t\t\t\t\t<img data-wp-bind--src=\"context.image.src\" data-wp-bind--hidden=\"!context.image.src\" \/>\n\t\t\t\t\t\t\t\t\t\t<img decoding=\"async\" src=\"data:image\/gif;base64,R0lGODlhAQABAAD\/ACwAAAAAAQABAAACADs=\" data-wp-bind--hidden=\"context.image.src\" \/>\n\t\t\t\t\t\t\t\t\t<\/figure>\n\t\t\t\t\t\t\t\t\t<div class=\"field-image-option__label-wrapper\">\n\t\t\t\t\t\t\t\t\t\t<span class=\"field-image-option__label-code\" data-wp-text=\"context.image.letterCode\"><\/span>\n\t\t\t\t\t\t\t\t\t\t<span class=\"field-image-option__label\" data-wp-text=\"context.image.label\" data-wp-bind--hidden=\"!context.image.label\"><\/span>\n\t\t\t\t\t\t\t\t\t<\/div>\n\t\t\t\t\t\t\t\t<\/div>\n\t\t\t\t\t\t\t<\/template>\n\t\t\t\t\t\t<\/div>\n\t\t\t\t\t\t<div class=\"field-files\" data-wp-bind--hidden=\"!context.submission.files\">\n\t\t\t\t\t\t\t<template data-wp-each--file=\"context.submission.files\">\n\t\t\t\t\t\t\t\t<div class=\"field-file\">\n\t\t\t\t\t\t\t\t\t<div class=\"field-file__thumbnail\" data-wp-style--background-image=\"context.file.previewUrl\" data-wp-style--mask-image=\"context.file.iconUrl\" data-wp-bind--hidden=\"!context.file.hasPreview\"><\/div>\n\t\t\t\t\t\t\t\t\t<svg class=\"field-file__icon\" data-wp-bind--hidden=\"context.file.hasPreview\" width=\"20\" height=\"20\" viewBox=\"0 0 24 24\" fill=\"none\" xmlns=\"http:\/\/www.w3.org\/2000\/svg\" aria-hidden=\"true\">\n\t\t\t\t\t\t\t\t\t\t<path d=\"M14 2H6C4.9 2 4 2.9 4 4V20C4 21.1 4.89 22 5.99 22H18C19.1 22 20 21.1 20 20V8L14 2ZM18 20H6V4H13V9H18V20Z\" fill=\"currentColor\"\/>\n\t\t\t\t\t\t\t\t\t<\/svg>\n\t\t\t\t\t\t\t\t\t<span class=\"field-file__name\" data-wp-text=\"context.file.name\"><\/span>\n\t\t\t\t\t\t\t\t\t<span class=\"field-file__size\" data-wp-text=\"context.file.size\"><\/span>\n\t\t\t\t\t\t\t\t<\/div>\n\t\t\t\t\t\t\t<\/template>\n\t\t\t\t\t\t<\/div>\n\t\t\t\t\t<\/div>\n\t\t\t\t<\/template><\/div><form action='https:\/\/itayachtscanada.com\/fr\/listing\/sunreef-60-sail-2020-3900000-usd-for-sale\/'\n\t\t\t\tid='jp-form-5e6d8ece55ff9daa7367dcb15a2d979364821df9'\n\t\t\t\tmethod='post'\n\t\t\t\tclass='contact-form commentsblock jetpack-contact-form__form has-no-jetpack-form-layout' aria-label=\"{:en}Sunreef 60 Sail 2020 $2,495,000 usd or for sale in fractional 1\/6{:}{:fr}Sunreef 60 Sail 2020 $2,495,000 usd ou en mode fractionn\u00e9 1\/6 \u00e0 $600,000 usd \u00e0 vendre     .{:}\"\n\t\t\t\tdata-wp-on--submit=\"actions.onFormSubmit\"\n\t\t\t\tdata-wp-on--reset=\"actions.onFormReset\"\n\t\t\t\tdata-wp-class--submission-success=\"context.submissionSuccess\"\n\t\t\t\tdata-wp-class--is-first-step=\"state.isFirstStep\"\n\t\t\t\tdata-wp-class--is-last-step=\"state.isLastStep\"\n\t\t\t\tdata-wp-class--is-ajax-form=\"context.useAjax\"\n\t\t\t\tnovalidate >\n<input type='hidden' name='jetpack_contact_form_jwt' value='eyJ0eXAiOiJKV1QiLCJhbGciOiJIUzI1NiJ9.eyJlbmNyeXB0ZWRfYXR0cmlidXRlcyI6Im03b3NFMHhhenVnbkhESGo3WndyUFdqVCtxQjF6c1BWZlRNTHBjNEZYd1d2akdzWTRrb1ZyaU9XOE9xUnY2L0lEbXY2bDV4eEpTMTNCZEZ6QStvZUwybFRlVHBtUjN3RktHeCtLcHMxMmxYMzZkQmlmck1pdnBvbEtZMzUwdzR5Y0IwVkRMTEJuV0E0UHRpUGdBUGl5VW9oeE05RC9zYWRZLy9hKzRGRFNYRG1sMG1URVZCTi9zTVdLRG12TG4vVFlrb2EwNGVNQlNYVWVRMXUxN1p4a2xRM2RkTkJvK0tLbnpJMExJdzNQTzNuS2JPdkVSVHNLMXYrbjFDN0J0K2E4MDFQY2F1MXV1Qjd2RnVSUzVRZzU0UnNMcFdmcmtNR0dmcFRod3hwY0RmU2trNmYzOG0rZ0Y3ckRoVkpQMnF4VVpRTmVtRGhBVVVXWnRzZVA2UHVVME9qYVU4YVcwUmdZYzRUbmdldE5TNk9jeCtreE5hU1BkZGxUL2szSVAzNVhDMm5yU0lOSGRRaUs4YkpEWVBiVEJOMkZnQ2djRjQ2VVQ2QUhaaGkydUovM2pVandCaEN1WlMxaytSTHZqWGZ2cm93S3YyZE41YnY4ZUtLNzZaRTQrV2hiejlUVGdCT3c0TTF2K0F1cFdORGRTYkpOUjZyd2JxRFIzWTVOUmJBQXJFQTZzb2lDV3ZaTWpCbElxcXFwYW1XNjJRTngxQ3N1NzF2T3h6RmNlMUVIQ0N4UnBGZk1sa00wMVR2Nmo5eUY2U2dTN1pVRVpEOTJEQmM0QTV0engvUmhxbEZtaEZGME00Q0FnMlUyS2FEczhzL1g2b3JVbmZvamhIY3BBSjNlSWdPeGhHaGZER29VcjFqaEpyZkpjQzhRblNTamxyWUtvUmhhbTN3ZXQ4MGVpRlFOTUFCNElUaVZMMFhOS042WkQ2dkFPTUtIWm9UR2F0UU9udE1HdTVTK1ArNFh2WGZHWjBGTzY4QzdRK2pQSzRwdWI4Qm9QWGxTQk5SUmEwczdQMk1CMHMwRDF4K0ZlNnMvdGROOGIybjlnRDNUVmtMMWliWkdKR3JPZ0xub1A3cVVEUUFKT2J2WXhaT1puS3ZsNld0MVNWWlVQZ091L2JLZ1MwdVZSUG5IK3VITTI3akNLVWxqT05haVJKQXhFT3Fzekw1L0Q2K3Y0Y3hWOWxGeXZ3VnNndHZDZTdQQzJBUkZHeTJzZlYrSStseHNDLzN1ZlJyS1hQZHdoOHltaDFQT2RZT0RxSHpVczdhbGFKQmRFc2ZCeUdrZ0tGNmxtY3BSeExKWTQwdE5tbjJHcFRadlFXcDkvMy9uemYzZm5DR2U5MHd3V0JmbjQ3ZnF3PT0iLCJjb250ZW50IjoiW2NvbnRhY3QtZmllbGQgbGFiZWw9XCJOb21cIiB0eXBlPVwibmFtZVwiIHJlcXVpcmVkPVwiMVwiXVtjb250YWN0LWZpZWxkIGxhYmVsPVwiRS1tYWlsXCIgdHlwZT1cImVtYWlsXCIgcmVxdWlyZWQ9XCIxXCJdW2NvbnRhY3QtZmllbGQgbGFiZWw9XCJBdSBzdWpldCBkZSBjZSB5YWNodCA6IFwiIHR5cGU9XCJ0ZXh0XCJdW2NvbnRhY3QtZmllbGQgbGFiZWw9XCJNZXNzYWdlXCIgdHlwZT1cInRleHRhcmVhXCJdIiwiaGFzaCI6IjVlNmQ4ZWNlNTVmZjlkYWE3MzY3ZGNiMTVhMmQ5NzkzNjQ4MjFkZjkiLCJzb3VyY2UiOnsiZW50cnlfdGl0bGUiOiJTdW5yZWVmIDYwIFNhaWwgMjAyMCAkMiw0OTUsMDAwIHVzZCBvdSBlbiBtb2RlIGZyYWN0aW9ublx1MDBlOSAxLzYgXHUwMGUwICQ2MDAsMDAwIHVzZCBcdTAwZTAgdmVuZHJlICAgICAuIiwiZW50cnlfcGFnZSI6MSwic291cmNlX2lkIjoxNDE0NjAsInNvdXJjZV90eXBlIjoic2luZ2xlIiwicmVxdWVzdF91cmwiOiJodHRwczovL2l0YXlhY2h0c2NhbmFkYS5jb20vZnIvd3AtanNvbi93cC92Mi9saXN0aW5nLzE0MTQ2MCJ9LCJ2ZXJzaW9uIjoyLCJjaXBoZXIiOiJhZXMtMjU2LWdjbSJ9.aTlr_o3TYA8LQHRczZCvgJA5VRHoU8TQfzWhSMwtX8w' \/>\n\n<div style=\"\"  data-wp-interactive=\"jetpack\/form\" data-wp-context='{\"fieldId\":\"g141460-nom\",\"fieldType\":\"name\",\"fieldLabel\":\"Nom\",\"fieldValue\":\"\",\"fieldPlaceholder\":\"\",\"fieldIsRequired\":\"1\",\"fieldErrorMessage\":\"\",\"fieldExtra\":[],\"formHash\":\"5e6d8ece55ff9daa7367dcb15a2d979364821df9\"}'  class='grunion-field-name-wrap grunion-field-wrap'  data-wp-init='callbacks.initializeField' data-wp-on--jetpack-form-reset='callbacks.initializeField' >\n<label\n\t\t\t\tfor='g141460-nom' class=\"grunion-field-label name\" >Nom<span class=\"grunion-label-required\" aria-hidden=\"true\">(obligatoire)<\/span><\/label>\n<input\n\t\t\t\t\ttype='text'\n\t\t\t\t\tname='g141460-nom'\n\t\t\t\t\tid='g141460-nom'\n\t\t\t\t\tvalue=''\n\n\t\t\t\t\tdata-wp-bind--aria-invalid='state.fieldAriaInvalid'\n\t\t\t\t\tdata-wp-bind--value='state.getFieldValue'\n\t\t\t\t\taria-describedby='g141460-nom-text-error-message'\n\t\t\t\t\tdata-wp-on--input='actions.onFieldChange'\n\t\t\t\t\tdata-wp-on--blur='actions.onFieldBlur'\n\t\t\t\t\tdata-wp-class--has-value='state.hasFieldValue'\n\n\t\t\t\t\tclass='name  grunion-field' \n\t\t\t\t\trequired='true' aria-required='true'  \/>\n \n\t\t\t<div id=\"g141460-nom-text-error\" class=\"contact-form__input-error\" data-wp-class--has-errors=\"state.fieldHasErrors\">\n\t\t\t\t<span class=\"contact-form__warning-icon\" aria-hidden=\"true\">\n\t\t\t\t\t<svg width=\"16\" height=\"16\" viewBox=\"0 0 16 16\" fill=\"none\" xmlns=\"http:\/\/www.w3.org\/2000\/svg\">\n\t\t\t\t\t\t<path d=\"M8.50015 11.6402H7.50015V10.6402H8.50015V11.6402Z\" \/>\n\t\t\t\t\t\t<path d=\"M7.50015 9.64018H8.50015V6.30684H7.50015V9.64018Z\" \/>\n\t\t\t\t\t\t<path fill-rule=\"evenodd\" clip-rule=\"evenodd\" d=\"M6.98331 3.0947C7.42933 2.30177 8.57096 2.30177 9.01698 3.09469L13.8771 11.7349C14.3145 12.5126 13.7525 13.4735 12.8602 13.4735H3.14004C2.24774 13.4735 1.68575 12.5126 2.12321 11.7349L6.98331 3.0947ZM8.14541 3.58496C8.08169 3.47168 7.9186 3.47168 7.85488 3.58496L2.99478 12.2251C2.93229 12.3362 3.01257 12.4735 3.14004 12.4735H12.8602C12.9877 12.4735 13.068 12.3362 13.0055 12.2251L8.14541 3.58496Z\" \/>\n\t\t\t\t\t<\/svg>\n\t\t\t\t<\/span>\n\t\t\t\t<span data-wp-text=\"state.errorMessage\" id=\"g141460-nom-text-error-message\"><\/span>\n\t\t\t<\/div> \n\t<\/div>\n\n<div style=\"\"  data-wp-interactive=\"jetpack\/form\" data-wp-context='{\"fieldId\":\"g141460-email\",\"fieldType\":\"email\",\"fieldLabel\":\"E-mail\",\"fieldValue\":\"\",\"fieldPlaceholder\":\"\",\"fieldIsRequired\":\"1\",\"fieldErrorMessage\":\"\",\"fieldExtra\":[],\"formHash\":\"5e6d8ece55ff9daa7367dcb15a2d979364821df9\"}'  class='grunion-field-email-wrap grunion-field-wrap'  data-wp-init='callbacks.initializeField' data-wp-on--jetpack-form-reset='callbacks.initializeField' >\n<label\n\t\t\t\tfor='g141460-email' class=\"grunion-field-label email\" >E-mail<span class=\"grunion-label-required\" aria-hidden=\"true\">(obligatoire)<\/span><\/label>\n<input\n\t\t\t\t\ttype='email'\n\t\t\t\t\tname='g141460-email'\n\t\t\t\t\tid='g141460-email'\n\t\t\t\t\tvalue=''\n\n\t\t\t\t\tdata-wp-bind--aria-invalid='state.fieldAriaInvalid'\n\t\t\t\t\tdata-wp-bind--value='state.getFieldValue'\n\t\t\t\t\taria-describedby='g141460-email-email-error-message'\n\t\t\t\t\tdata-wp-on--input='actions.onFieldChange'\n\t\t\t\t\tdata-wp-on--blur='actions.onFieldBlur'\n\t\t\t\t\tdata-wp-class--has-value='state.hasFieldValue'\n\n\t\t\t\t\tclass='email  grunion-field' \n\t\t\t\t\trequired='true' aria-required='true'  \/>\n \n\t\t\t<div id=\"g141460-email-email-error\" class=\"contact-form__input-error\" data-wp-class--has-errors=\"state.fieldHasErrors\">\n\t\t\t\t<span class=\"contact-form__warning-icon\" aria-hidden=\"true\">\n\t\t\t\t\t<svg width=\"16\" height=\"16\" viewBox=\"0 0 16 16\" fill=\"none\" xmlns=\"http:\/\/www.w3.org\/2000\/svg\">\n\t\t\t\t\t\t<path d=\"M8.50015 11.6402H7.50015V10.6402H8.50015V11.6402Z\" \/>\n\t\t\t\t\t\t<path d=\"M7.50015 9.64018H8.50015V6.30684H7.50015V9.64018Z\" \/>\n\t\t\t\t\t\t<path fill-rule=\"evenodd\" clip-rule=\"evenodd\" d=\"M6.98331 3.0947C7.42933 2.30177 8.57096 2.30177 9.01698 3.09469L13.8771 11.7349C14.3145 12.5126 13.7525 13.4735 12.8602 13.4735H3.14004C2.24774 13.4735 1.68575 12.5126 2.12321 11.7349L6.98331 3.0947ZM8.14541 3.58496C8.08169 3.47168 7.9186 3.47168 7.85488 3.58496L2.99478 12.2251C2.93229 12.3362 3.01257 12.4735 3.14004 12.4735H12.8602C12.9877 12.4735 13.068 12.3362 13.0055 12.2251L8.14541 3.58496Z\" \/>\n\t\t\t\t\t<\/svg>\n\t\t\t\t<\/span>\n\t\t\t\t<span data-wp-text=\"state.errorMessage\" id=\"g141460-email-email-error-message\"><\/span>\n\t\t\t<\/div> \n\t<\/div>\n\n<div style=\"\"  data-wp-interactive=\"jetpack\/form\" data-wp-context='{\"fieldId\":\"g141460-ausujetdeceyacht\",\"fieldType\":\"text\",\"fieldLabel\":\"Au sujet de ce yacht : \",\"fieldValue\":\"\",\"fieldPlaceholder\":\"\",\"fieldIsRequired\":\"\",\"fieldErrorMessage\":\"\",\"fieldExtra\":[],\"formHash\":\"5e6d8ece55ff9daa7367dcb15a2d979364821df9\"}'  class='grunion-field-text-wrap grunion-field-wrap'  data-wp-init='callbacks.initializeField' data-wp-on--jetpack-form-reset='callbacks.initializeField' >\n<label\n\t\t\t\tfor='g141460-ausujetdeceyacht' class=\"grunion-field-label text\" >Au sujet de ce yacht : <\/label>\n<input\n\t\t\t\t\ttype='text'\n\t\t\t\t\tname='g141460-ausujetdeceyacht'\n\t\t\t\t\tid='g141460-ausujetdeceyacht'\n\t\t\t\t\tvalue=''\n\n\t\t\t\t\tdata-wp-bind--aria-invalid='state.fieldAriaInvalid'\n\t\t\t\t\tdata-wp-bind--value='state.getFieldValue'\n\t\t\t\t\taria-describedby='g141460-ausujetdeceyacht-text-error-message'\n\t\t\t\t\tdata-wp-on--input='actions.onFieldChange'\n\t\t\t\t\tdata-wp-on--blur='actions.onFieldBlur'\n\t\t\t\t\tdata-wp-class--has-value='state.hasFieldValue'\n\n\t\t\t\t\tclass='text  grunion-field' \n\t\t\t\t\t \/>\n \n\t\t\t<div id=\"g141460-ausujetdeceyacht-text-error\" class=\"contact-form__input-error\" data-wp-class--has-errors=\"state.fieldHasErrors\">\n\t\t\t\t<span class=\"contact-form__warning-icon\" aria-hidden=\"true\">\n\t\t\t\t\t<svg width=\"16\" height=\"16\" viewBox=\"0 0 16 16\" fill=\"none\" xmlns=\"http:\/\/www.w3.org\/2000\/svg\">\n\t\t\t\t\t\t<path d=\"M8.50015 11.6402H7.50015V10.6402H8.50015V11.6402Z\" \/>\n\t\t\t\t\t\t<path d=\"M7.50015 9.64018H8.50015V6.30684H7.50015V9.64018Z\" \/>\n\t\t\t\t\t\t<path fill-rule=\"evenodd\" clip-rule=\"evenodd\" d=\"M6.98331 3.0947C7.42933 2.30177 8.57096 2.30177 9.01698 3.09469L13.8771 11.7349C14.3145 12.5126 13.7525 13.4735 12.8602 13.4735H3.14004C2.24774 13.4735 1.68575 12.5126 2.12321 11.7349L6.98331 3.0947ZM8.14541 3.58496C8.08169 3.47168 7.9186 3.47168 7.85488 3.58496L2.99478 12.2251C2.93229 12.3362 3.01257 12.4735 3.14004 12.4735H12.8602C12.9877 12.4735 13.068 12.3362 13.0055 12.2251L8.14541 3.58496Z\" \/>\n\t\t\t\t\t<\/svg>\n\t\t\t\t<\/span>\n\t\t\t\t<span data-wp-text=\"state.errorMessage\" id=\"g141460-ausujetdeceyacht-text-error-message\"><\/span>\n\t\t\t<\/div> \n\t<\/div>\n\n<div style=\"\"  data-wp-interactive=\"jetpack\/form\" data-wp-context='{\"fieldId\":\"g141460-message\",\"fieldType\":\"textarea\",\"fieldLabel\":\"Message\",\"fieldValue\":\"\",\"fieldPlaceholder\":\"\",\"fieldIsRequired\":\"\",\"fieldErrorMessage\":\"\",\"fieldExtra\":[],\"formHash\":\"5e6d8ece55ff9daa7367dcb15a2d979364821df9\"}'  class='grunion-field-textarea-wrap grunion-field-wrap'  data-wp-init='callbacks.initializeField' data-wp-on--jetpack-form-reset='callbacks.initializeField' >\n<label\n\t\t\t\tfor='contact-form-comment-g141460-message' class=\"grunion-field-label textarea\" >Message<\/label>\n<textarea\n\t\t                style=''\n\t\t                name='g141460-message'\n\t\t                id='contact-form-comment-g141460-message'\n\t\t                rows='20'\n\t\t\t\t\t\tdata-wp-text='state.getFieldValue'\n\t\t\t\t\t\tdata-wp-on--input='actions.onFieldChange'\n\t\t\t\t\t\tdata-wp-on--blur='actions.onFieldBlur'\n\t\t\t\t\t\tdata-wp-class--has-value='state.hasFieldValue'\n\t\t\t\t\t\taria-describedby='g141460-message-textarea-error-message'\n\t\t\t\t\t\tdata-wp-bind--aria-invalid='state.fieldAriaInvalid'\n\t\t\t\t\t\tclass='textarea  grunion-field'  ><\/textarea>\n \n\t\t\t<div id=\"g141460-message-textarea-error\" class=\"contact-form__input-error\" data-wp-class--has-errors=\"state.fieldHasErrors\">\n\t\t\t\t<span class=\"contact-form__warning-icon\" aria-hidden=\"true\">\n\t\t\t\t\t<svg width=\"16\" height=\"16\" viewBox=\"0 0 16 16\" fill=\"none\" xmlns=\"http:\/\/www.w3.org\/2000\/svg\">\n\t\t\t\t\t\t<path d=\"M8.50015 11.6402H7.50015V10.6402H8.50015V11.6402Z\" \/>\n\t\t\t\t\t\t<path d=\"M7.50015 9.64018H8.50015V6.30684H7.50015V9.64018Z\" \/>\n\t\t\t\t\t\t<path fill-rule=\"evenodd\" clip-rule=\"evenodd\" d=\"M6.98331 3.0947C7.42933 2.30177 8.57096 2.30177 9.01698 3.09469L13.8771 11.7349C14.3145 12.5126 13.7525 13.4735 12.8602 13.4735H3.14004C2.24774 13.4735 1.68575 12.5126 2.12321 11.7349L6.98331 3.0947ZM8.14541 3.58496C8.08169 3.47168 7.9186 3.47168 7.85488 3.58496L2.99478 12.2251C2.93229 12.3362 3.01257 12.4735 3.14004 12.4735H12.8602C12.9877 12.4735 13.068 12.3362 13.0055 12.2251L8.14541 3.58496Z\" \/>\n\t\t\t\t\t<\/svg>\n\t\t\t\t<\/span>\n\t\t\t\t<span data-wp-text=\"state.errorMessage\" id=\"g141460-message-textarea-error-message\"><\/span>\n\t\t\t<\/div>\n\t<\/div>\n\t<p class='contact-submit'>\n<div class=\"contact-form__error\" data-wp-class--show-errors=\"state.showFormErrors\"><span class=\"contact-form__warning-icon\" aria-hidden=\"true\"><i><\/i><\/span><span class=\"contact-form__error-message\" tabindex=\"-1\" data-wp-watch=\"callbacks.focusOnValidationError\" data-wp-text=\"state.getFormErrorMessage\"><\/span><ul aria-label=\"Erreurs de formulaire\">\n\t\t\t\t<template data-wp-each=\"state.getErrorList\" data-wp-key=\"context.item.id\">\n\t\t\t\t\t<li><a data-wp-bind--href=\"context.item.anchor\" data-wp-on--click=\"actions.scrollIntoView\" data-wp-text=\"context.item.label\"><\/a><\/li>\n\t\t\t\t<\/template>\n\t\t\t\t<\/ul><\/div><div class=\"contact-form__error\" data-wp-class--show-errors=\"state.showSubmissionError\" data-wp-text=\"context.submissionError\" tabindex=\"-1\" data-wp-watch=\"callbacks.focusOnSubmissionError\"><\/div>\t\t<button type='submit' class='pushbutton-wide'>Envoyer<\/button>\t\t<input type='hidden' name='contact-form-id' value='141460' \/>\n\t\t<input type='hidden' name='action' value='grunion-contact-form' \/>\n\t\t<input type='hidden' name='contact-form-hash' value='5e6d8ece55ff9daa7367dcb15a2d979364821df9' \/>\n\t<\/p>\n<p style=\"display: none !important;\" class=\"akismet-fields-container\" data-prefix=\"ak_\"><label>&#916;<textarea name=\"ak_hp_textarea\" cols=\"45\" rows=\"8\" maxlength=\"100\"><\/textarea><\/label><input type=\"hidden\" id=\"ak_js_1\" name=\"ak_js\" value=\"3\"\/><script type=\"text\/javascript\">\n\/* <![CDATA[ *\/\ndocument.getElementById( \"ak_js_1\" ).setAttribute( \"value\", ( new Date() ).getTime() );\n\/* ]]> *\/\n<\/script>\n<\/p><\/form>\n<\/div>\n<p>&nbsp;<\/p>\n<p>&nbsp;<\/p>\n<p>&nbsp;<\/p>\n<\/div>\n","protected":false},"excerpt":{"rendered":"<p>Sunreef 60 Sail 2020 $2,495,000 usd ou en mode fractionnel 1\/6 $499,990 usd \u00e0 vendre RELENTLESS est la raison pour laquelle les Sunreef 60 g\u00e9n\u00e8rent maintenant plus de 50 000 $ par semaine. Il a 15 semaines r\u00e9serv\u00e9es pour la saison hiver\/printemps, ce qui signifie qu&rsquo;il fournit un revenu net positif \u00e0 son nouveau propri\u00e9taire. &hellip; <a href=\"https:\/\/itayachtscanada.com\/fr\/listing\/sunreef-60-sail-2020-3900000-usd-for-sale\/\" class=\"more-link\">Lire la suite <span class=\"screen-reader-text\">Sunreef 60 Sail 2020 $2,495,000 usd ou en mode fractionn\u00e9 1\/6 \u00e0 $600,000 usd \u00e0 vendre     .<\/span> <span class=\"meta-nav\">&rarr;<\/span><\/a><\/p>\n","protected":false},"author":119081455,"featured_media":141547,"parent":0,"menu_order":0,"comment_status":"open","ping_status":"open","template":"","format":"standard","meta":{"_coblocks_attr":"","_coblocks_dimensions":"","_coblocks_responsive_height":"","_coblocks_accordion_ie_support":"","_lmt_disableupdate":"no","_lmt_disable":"no","advanced_seo_description":"","jetpack_seo_html_title":"","jetpack_seo_noindex":false,"footnotes":""},"manufacturer":[6433],"prix":[6546],"years":[6379],"length_feet":[6588],"boat_type":[6477],"price_range":[6581],"localisations":[6880],"numyacht":[11054,9043,9608,10251,10492,10612,10735],"datevente":[10250,10369,10491,10611,10734,11053,11195,11299],"country":[10830],"states":[],"city":[11055],"fresh-water-boat":[10809],"broker":[],"migration":[10887],"class_list":["post-141460","listing","type-listing","status-publish","format-standard","has-post-thumbnail","hentry","manufacturer-sunreef","prix-6546","years-6379","length_feet-between-60-and-69-feets","boat_type-catamaran-voile","price_range-3000000-4999999","localisations-caraibes","numyacht-11054","numyacht-9043","numyacht-9608","numyacht-10251","numyacht-10492","numyacht-10612","numyacht-10735","datevente-2025-03-15","datevente-2025-05-11","datevente-2025-07-04","datevente-2025-08-30","datevente-2025-10-26","datevente-2025-12-23","datevente-2026-02-21","datevente-2026-04-18","country-british-virgin-islands-bvi","city-road-town","fresh-water-boat-non","migration-oui"],"translation":{"provider":"WPGlobus","version":"2.12.2","language":"fr","enabled_languages":["en","fr"],"languages":{"en":{"title":true,"content":true,"excerpt":false},"fr":{"title":true,"content":true,"excerpt":false}}},"jetpack_likes_enabled":true,"jetpack_sharing_enabled":true,"_links":{"self":[{"href":"https:\/\/itayachtscanada.com\/fr\/wp-json\/wp\/v2\/listing\/141460","targetHints":{"allow":["GET"]}}],"collection":[{"href":"https:\/\/itayachtscanada.com\/fr\/wp-json\/wp\/v2\/listing"}],"about":[{"href":"https:\/\/itayachtscanada.com\/fr\/wp-json\/wp\/v2\/types\/listing"}],"author":[{"embeddable":true,"href":"https:\/\/itayachtscanada.com\/fr\/wp-json\/wp\/v2\/users\/119081455"}],"replies":[{"embeddable":true,"href":"https:\/\/itayachtscanada.com\/fr\/wp-json\/wp\/v2\/comments?post=141460"}],"version-history":[{"count":33,"href":"https:\/\/itayachtscanada.com\/fr\/wp-json\/wp\/v2\/listing\/141460\/revisions"}],"predecessor-version":[{"id":301195,"href":"https:\/\/itayachtscanada.com\/fr\/wp-json\/wp\/v2\/listing\/141460\/revisions\/301195"}],"wp:featuredmedia":[{"embeddable":true,"href":"https:\/\/itayachtscanada.com\/fr\/wp-json\/wp\/v2\/media\/141547"}],"wp:attachment":[{"href":"https:\/\/itayachtscanada.com\/fr\/wp-json\/wp\/v2\/media?parent=141460"}],"wp:term":[{"taxonomy":"manufacturer","embeddable":true,"href":"https:\/\/itayachtscanada.com\/fr\/wp-json\/wp\/v2\/manufacturer?post=141460"},{"taxonomy":"prix","embeddable":true,"href":"https:\/\/itayachtscanada.com\/fr\/wp-json\/wp\/v2\/prix?post=141460"},{"taxonomy":"years","embeddable":true,"href":"https:\/\/itayachtscanada.com\/fr\/wp-json\/wp\/v2\/years?post=141460"},{"taxonomy":"length_feet","embeddable":true,"href":"https:\/\/itayachtscanada.com\/fr\/wp-json\/wp\/v2\/length_feet?post=141460"},{"taxonomy":"boat_type","embeddable":true,"href":"https:\/\/itayachtscanada.com\/fr\/wp-json\/wp\/v2\/boat_type?post=141460"},{"taxonomy":"price_range","embeddable":true,"href":"https:\/\/itayachtscanada.com\/fr\/wp-json\/wp\/v2\/price_range?post=141460"},{"taxonomy":"localisations","embeddable":true,"href":"https:\/\/itayachtscanada.com\/fr\/wp-json\/wp\/v2\/localisations?post=141460"},{"taxonomy":"numyacht","embeddable":true,"href":"https:\/\/itayachtscanada.com\/fr\/wp-json\/wp\/v2\/numyacht?post=141460"},{"taxonomy":"datevente","embeddable":true,"href":"https:\/\/itayachtscanada.com\/fr\/wp-json\/wp\/v2\/datevente?post=141460"},{"taxonomy":"country","embeddable":true,"href":"https:\/\/itayachtscanada.com\/fr\/wp-json\/wp\/v2\/country?post=141460"},{"taxonomy":"states","embeddable":true,"href":"https:\/\/itayachtscanada.com\/fr\/wp-json\/wp\/v2\/states?post=141460"},{"taxonomy":"city","embeddable":true,"href":"https:\/\/itayachtscanada.com\/fr\/wp-json\/wp\/v2\/city?post=141460"},{"taxonomy":"fresh-water-boat","embeddable":true,"href":"https:\/\/itayachtscanada.com\/fr\/wp-json\/wp\/v2\/fresh-water-boat?post=141460"},{"taxonomy":"broker","embeddable":true,"href":"https:\/\/itayachtscanada.com\/fr\/wp-json\/wp\/v2\/broker?post=141460"},{"taxonomy":"migration","embeddable":true,"href":"https:\/\/itayachtscanada.com\/fr\/wp-json\/wp\/v2\/migration?post=141460"}],"curies":[{"name":"wp","href":"https:\/\/api.w.org\/{rel}","templated":true}]}}