{"id":132388,"date":"2023-09-08T10:34:02","date_gmt":"2023-09-08T14:34:02","guid":{"rendered":"https:\/\/itayachtscanada.com\/?post_type=listing&#038;p=132388"},"modified":"2026-04-25T11:23:00","modified_gmt":"2026-04-25T15:23:00","slug":"azimut-s7-2018-2100000-usd-for-sale","status":"publish","type":"listing","link":"https:\/\/itayachtscanada.com\/fr\/listing\/azimut-s7-2018-2100000-usd-for-sale\/","title":{"rendered":"Azimut S7 2018 $2,100,000 usd \u00e0 vendre"},"content":{"rendered":"<p>OFF MARKET (retir\u00e9 de la vente)<\/p>\n<p><strong>Azimut S7 2018 $2,100,000 usd \u00e0 vendre<\/strong><\/p>\n<div class=\"html-content-description\">\n<div>\n<div class=\"content-box\">\n<div class=\"column-container cols-3\">\n<div class=\"column\">\n<div class=\"column-item\">\n<div>\n<div class=\"content-box\">\n<div class=\"column-container cols-3\">\n<div class=\"column\">\n<div class=\"column-item\">\n<div>\n<p>C&rsquo;est un yacht pr\u00eat \u00e0 l&#8217;emploi, parfait pour l&rsquo;acheteur exigeant. Seul yacht de son segment \u00e0 disposer de quatre cabines spacieuses, d&rsquo;une plateforme de plage extensible et d&rsquo;un garage, le S7 brille par sa combinaison de mat\u00e9riaux innovants et luxueux. La fibre de carbone et les trois moteurs Volvo IPS offrent une taille, une efficacit\u00e9 et des performances exceptionnelles. L&rsquo;int\u00e9rieur spacieux tire parti de la grande quantit\u00e9 de lumi\u00e8re apport\u00e9e par les fen\u00eatres innovantes en forme de diamant. Bien entretenu et dans un \u00e9tat impeccable, ce yacht flybridge de 70 pieds est \u00e0 ne pas manquer !<\/p>\n<h3>Cet Azimut S7 est situ\u00e9 en Floride, veuillez nous contacter au 514-521-1221 pour tous les d\u00e9tails concernant cet Azimut Yachts S7, notre bureau est situ\u00e9 dans la grande r\u00e9gion de Montr\u00e9al.<\/h3>\n<p><a href=\"https:\/\/itayachtscanada.com\/fr\/virtuals_visits\/azimut-yacht-s7\/\">Cliquez ici<\/a> pour une visite virtuelle de l&rsquo;Azimut S7<\/p>\n<p>Dimensions du bateau<br \/>\nLongueur hors tout : 70 pieds<br \/>\nLargeur : 17 pi 5 ipo<br \/>\nTirant d&rsquo;eau max : 5 pi 7 po<br \/>\nPoids<br \/>\nPoids \u00e0 sec : 100089 lb<br \/>\nVitesse de croisi\u00e8re<br \/>\nVitesse de croisi\u00e8re : 30 noeuds en r\u00e9gime \u00e9tabli<br \/>\nVitesse de coque : 36 n\u0153uds en tours\/minute<br \/>\nR\u00e9servoirs<br \/>\nCarburant : (1003 gal)<br \/>\nEau douce : (264 gal)<br \/>\nH\u00e9bergement<br \/>\nCabines : 4 + 1<br \/>\nSalles de bain : 3 + 1<br \/>\nAutre<br \/>\nConcepteur : Stefano Righini<\/p>\n<p>MOTEURS (heures = 775)<br \/>\n2018 Volvo Penta D13 IPS1050 (Moteur 1)<br \/>\nType de moteur : Inboard<br \/>\nType de carburant : Diesel<br \/>\nPuissance : 800 hp<br \/>\nType d&rsquo;entra\u00eenement : Pod Drive<\/p>\n<p>2018 Volvo Penta D13 IPS1050 (Moteur 2)<br \/>\nType de moteur : Inboard<br \/>\nType de carburant : Diesel<br \/>\nPuissance : 800 hp<br \/>\nType d&rsquo;entra\u00eenement : Pod Drive<\/p>\n<p>2018 Volvo Penta D13 IPS1050 (Moteur 3)<br \/>\nType de moteur : Inboard<br \/>\nType de carburant : Diesel<br \/>\nPuissance : 800 hp<br \/>\nType d&rsquo;entra\u00eenement : Entra\u00eenement par pods<\/p>\n<\/div>\n<div>\n<div class=\"tiled-gallery type-rectangular tiled-gallery-unresized\" data-original-width=\"700\" data-carousel-extra='{&quot;blog_id&quot;:1,&quot;permalink&quot;:&quot;https:\\\/\\\/itayachtscanada.com\\\/fr\\\/listing\\\/azimut-s7-2018-2100000-usd-for-sale\\\/&quot;,&quot;likes_blog_id&quot;:198557287}' itemscope itemtype=\"http:\/\/schema.org\/ImageGallery\" > <div class=\"gallery-row\" style=\"width: 700px; height: 343px;\" data-original-width=\"700\" data-original-height=\"343\" > <div class=\"gallery-group images-1\" style=\"width: 457px; height: 343px;\" data-original-width=\"457\" data-original-height=\"343\" > <div class=\"tiled-gallery-item tiled-gallery-item-large\" itemprop=\"associatedMedia\" itemscope itemtype=\"http:\/\/schema.org\/ImageObject\"> <a href=\"https:\/\/itayachtscanada.com\/fr\/listing\/azimut-s7-2018-2100000-usd-for-sale\/capture-decran-le-2023-09-08-a-10-02-49\/\" border=\"0\" itemprop=\"url\"> <meta itemprop=\"width\" content=\"453\"> <meta itemprop=\"height\" content=\"339\"> <img decoding=\"async\" class=\"\" data-attachment-id=\"132414\" data-orig-file=\"https:\/\/itayachtscanada.com\/wp-content\/uploads\/2023\/09\/Capture-decran-le-2023-09-08-a-10.02.49.png\" data-orig-size=\"976,730\" data-comments-opened=\"1\" data-image-meta=\"{&quot;aperture&quot;:&quot;0&quot;,&quot;credit&quot;:&quot;&quot;,&quot;camera&quot;:&quot;&quot;,&quot;caption&quot;:&quot;&quot;,&quot;created_timestamp&quot;:&quot;0&quot;,&quot;copyright&quot;:&quot;&quot;,&quot;focal_length&quot;:&quot;0&quot;,&quot;iso&quot;:&quot;0&quot;,&quot;shutter_speed&quot;:&quot;0&quot;,&quot;title&quot;:&quot;&quot;,&quot;orientation&quot;:&quot;0&quot;}\" data-image-title=\"Capture d\u2019\u00e9cran, le 2023-09-08 \u00e0 10.02.49\" data-image-description=\"\" data-medium-file=\"https:\/\/i0.wp.com\/itayachtscanada.com\/wp-content\/uploads\/2023\/09\/Capture-decran-le-2023-09-08-a-10.02.49.png?fit=300%2C224&#038;ssl=1\" data-large-file=\"https:\/\/i0.wp.com\/itayachtscanada.com\/wp-content\/uploads\/2023\/09\/Capture-decran-le-2023-09-08-a-10.02.49.png?fit=700%2C524&#038;ssl=1\" src=\"https:\/\/i0.wp.com\/itayachtscanada.com\/wp-content\/uploads\/2023\/09\/Capture-decran-le-2023-09-08-a-10.02.49.png?w=453&#038;h=339&#038;ssl=1\" srcset=\"https:\/\/i0.wp.com\/itayachtscanada.com\/wp-content\/uploads\/2023\/09\/Capture-decran-le-2023-09-08-a-10.02.49.png?w=976&amp;ssl=1 976w, https:\/\/i0.wp.com\/itayachtscanada.com\/wp-content\/uploads\/2023\/09\/Capture-decran-le-2023-09-08-a-10.02.49.png?resize=300%2C224&amp;ssl=1 300w, https:\/\/i0.wp.com\/itayachtscanada.com\/wp-content\/uploads\/2023\/09\/Capture-decran-le-2023-09-08-a-10.02.49.png?resize=768%2C574&amp;ssl=1 768w, https:\/\/i0.wp.com\/itayachtscanada.com\/wp-content\/uploads\/2023\/09\/Capture-decran-le-2023-09-08-a-10.02.49.png?resize=800%2C600&amp;ssl=1 800w, https:\/\/i0.wp.com\/itayachtscanada.com\/wp-content\/uploads\/2023\/09\/Capture-decran-le-2023-09-08-a-10.02.49.png?resize=400%2C300&amp;ssl=1 400w, https:\/\/i0.wp.com\/itayachtscanada.com\/wp-content\/uploads\/2023\/09\/Capture-decran-le-2023-09-08-a-10.02.49.png?resize=200%2C150&amp;ssl=1 200w, https:\/\/i0.wp.com\/itayachtscanada.com\/wp-content\/uploads\/2023\/09\/Capture-decran-le-2023-09-08-a-10.02.49.png?resize=700%2C524&amp;ssl=1 700w, https:\/\/i0.wp.com\/itayachtscanada.com\/wp-content\/uploads\/2023\/09\/Capture-decran-le-2023-09-08-a-10.02.49.png?resize=535%2C400&amp;ssl=1 535w\" width=\"453\" height=\"339\" loading=\"lazy\" data-original-width=\"453\" data-original-height=\"339\" itemprop=\"http:\/\/schema.org\/image\" title=\"Capture d\u2019\u00e9cran, le 2023-09-08 \u00e0 10.02.49\" alt=\"Capture d\u2019\u00e9cran, le 2023-09-08 \u00e0 10.02.49\" style=\"width: 453px; height: 339px;\" \/> <\/a> <\/div> <\/div> <!-- close group --> <div class=\"gallery-group images-2\" style=\"width: 243px; height: 343px;\" data-original-width=\"243\" data-original-height=\"343\" > <div class=\"tiled-gallery-item tiled-gallery-item-small\" itemprop=\"associatedMedia\" itemscope itemtype=\"http:\/\/schema.org\/ImageObject\"> <a href=\"https:\/\/itayachtscanada.com\/fr\/listing\/azimut-s7-2018-2100000-usd-for-sale\/capture-decran-le-2023-09-08-a-10-02-13\/\" border=\"0\" itemprop=\"url\"> <meta itemprop=\"width\" content=\"239\"> <meta itemprop=\"height\" content=\"178\"> <img decoding=\"async\" class=\"\" data-attachment-id=\"132424\" data-orig-file=\"https:\/\/itayachtscanada.com\/wp-content\/uploads\/2023\/09\/Capture-decran-le-2023-09-08-a-10.02.13.png\" data-orig-size=\"980,730\" data-comments-opened=\"1\" data-image-meta=\"{&quot;aperture&quot;:&quot;0&quot;,&quot;credit&quot;:&quot;&quot;,&quot;camera&quot;:&quot;&quot;,&quot;caption&quot;:&quot;&quot;,&quot;created_timestamp&quot;:&quot;0&quot;,&quot;copyright&quot;:&quot;&quot;,&quot;focal_length&quot;:&quot;0&quot;,&quot;iso&quot;:&quot;0&quot;,&quot;shutter_speed&quot;:&quot;0&quot;,&quot;title&quot;:&quot;&quot;,&quot;orientation&quot;:&quot;0&quot;}\" data-image-title=\"Capture d\u2019\u00e9cran, le 2023-09-08 \u00e0 10.02.13\" data-image-description=\"\" data-medium-file=\"https:\/\/i0.wp.com\/itayachtscanada.com\/wp-content\/uploads\/2023\/09\/Capture-decran-le-2023-09-08-a-10.02.13.png?fit=300%2C223&#038;ssl=1\" data-large-file=\"https:\/\/i0.wp.com\/itayachtscanada.com\/wp-content\/uploads\/2023\/09\/Capture-decran-le-2023-09-08-a-10.02.13.png?fit=700%2C521&#038;ssl=1\" src=\"https:\/\/i0.wp.com\/itayachtscanada.com\/wp-content\/uploads\/2023\/09\/Capture-decran-le-2023-09-08-a-10.02.13.png?w=239&#038;h=178&#038;ssl=1\" srcset=\"https:\/\/i0.wp.com\/itayachtscanada.com\/wp-content\/uploads\/2023\/09\/Capture-decran-le-2023-09-08-a-10.02.13.png?w=980&amp;ssl=1 980w, https:\/\/i0.wp.com\/itayachtscanada.com\/wp-content\/uploads\/2023\/09\/Capture-decran-le-2023-09-08-a-10.02.13.png?resize=300%2C223&amp;ssl=1 300w, https:\/\/i0.wp.com\/itayachtscanada.com\/wp-content\/uploads\/2023\/09\/Capture-decran-le-2023-09-08-a-10.02.13.png?resize=768%2C572&amp;ssl=1 768w, https:\/\/i0.wp.com\/itayachtscanada.com\/wp-content\/uploads\/2023\/09\/Capture-decran-le-2023-09-08-a-10.02.13.png?resize=800%2C600&amp;ssl=1 800w, https:\/\/i0.wp.com\/itayachtscanada.com\/wp-content\/uploads\/2023\/09\/Capture-decran-le-2023-09-08-a-10.02.13.png?resize=400%2C300&amp;ssl=1 400w, https:\/\/i0.wp.com\/itayachtscanada.com\/wp-content\/uploads\/2023\/09\/Capture-decran-le-2023-09-08-a-10.02.13.png?resize=200%2C150&amp;ssl=1 200w, https:\/\/i0.wp.com\/itayachtscanada.com\/wp-content\/uploads\/2023\/09\/Capture-decran-le-2023-09-08-a-10.02.13.png?resize=700%2C521&amp;ssl=1 700w, https:\/\/i0.wp.com\/itayachtscanada.com\/wp-content\/uploads\/2023\/09\/Capture-decran-le-2023-09-08-a-10.02.13.png?resize=537%2C400&amp;ssl=1 537w\" width=\"239\" height=\"178\" loading=\"lazy\" data-original-width=\"239\" data-original-height=\"178\" itemprop=\"http:\/\/schema.org\/image\" title=\"Capture d\u2019\u00e9cran, le 2023-09-08 \u00e0 10.02.13\" alt=\"Capture d\u2019\u00e9cran, le 2023-09-08 \u00e0 10.02.13\" style=\"width: 239px; height: 178px;\" \/> <\/a> <\/div> <div class=\"tiled-gallery-item tiled-gallery-item-small\" itemprop=\"associatedMedia\" itemscope itemtype=\"http:\/\/schema.org\/ImageObject\"> <a href=\"https:\/\/itayachtscanada.com\/fr\/listing\/azimut-s7-2018-2100000-usd-for-sale\/capture-decran-le-2023-09-08-a-10-02-42\/\" border=\"0\" itemprop=\"url\"> <meta itemprop=\"width\" content=\"239\"> <meta itemprop=\"height\" content=\"157\"> <img decoding=\"async\" class=\"\" data-attachment-id=\"132415\" data-orig-file=\"https:\/\/itayachtscanada.com\/wp-content\/uploads\/2023\/09\/Capture-decran-le-2023-09-08-a-10.02.42.png\" data-orig-size=\"1106,730\" data-comments-opened=\"1\" data-image-meta=\"{&quot;aperture&quot;:&quot;0&quot;,&quot;credit&quot;:&quot;&quot;,&quot;camera&quot;:&quot;&quot;,&quot;caption&quot;:&quot;&quot;,&quot;created_timestamp&quot;:&quot;0&quot;,&quot;copyright&quot;:&quot;&quot;,&quot;focal_length&quot;:&quot;0&quot;,&quot;iso&quot;:&quot;0&quot;,&quot;shutter_speed&quot;:&quot;0&quot;,&quot;title&quot;:&quot;&quot;,&quot;orientation&quot;:&quot;0&quot;}\" data-image-title=\"Capture d\u2019\u00e9cran, le 2023-09-08 \u00e0 10.02.42\" data-image-description=\"\" data-medium-file=\"https:\/\/i0.wp.com\/itayachtscanada.com\/wp-content\/uploads\/2023\/09\/Capture-decran-le-2023-09-08-a-10.02.42.png?fit=300%2C198&#038;ssl=1\" data-large-file=\"https:\/\/i0.wp.com\/itayachtscanada.com\/wp-content\/uploads\/2023\/09\/Capture-decran-le-2023-09-08-a-10.02.42.png?fit=700%2C462&#038;ssl=1\" src=\"https:\/\/i0.wp.com\/itayachtscanada.com\/wp-content\/uploads\/2023\/09\/Capture-decran-le-2023-09-08-a-10.02.42.png?w=239&#038;h=157&#038;ssl=1\" srcset=\"https:\/\/i0.wp.com\/itayachtscanada.com\/wp-content\/uploads\/2023\/09\/Capture-decran-le-2023-09-08-a-10.02.42.png?w=1106&amp;ssl=1 1106w, https:\/\/i0.wp.com\/itayachtscanada.com\/wp-content\/uploads\/2023\/09\/Capture-decran-le-2023-09-08-a-10.02.42.png?resize=300%2C198&amp;ssl=1 300w, https:\/\/i0.wp.com\/itayachtscanada.com\/wp-content\/uploads\/2023\/09\/Capture-decran-le-2023-09-08-a-10.02.42.png?resize=1024%2C676&amp;ssl=1 1024w, https:\/\/i0.wp.com\/itayachtscanada.com\/wp-content\/uploads\/2023\/09\/Capture-decran-le-2023-09-08-a-10.02.42.png?resize=768%2C507&amp;ssl=1 768w, https:\/\/i0.wp.com\/itayachtscanada.com\/wp-content\/uploads\/2023\/09\/Capture-decran-le-2023-09-08-a-10.02.42.png?resize=700%2C462&amp;ssl=1 700w, https:\/\/i0.wp.com\/itayachtscanada.com\/wp-content\/uploads\/2023\/09\/Capture-decran-le-2023-09-08-a-10.02.42.png?resize=606%2C400&amp;ssl=1 606w\" width=\"239\" height=\"157\" loading=\"lazy\" data-original-width=\"239\" data-original-height=\"157\" itemprop=\"http:\/\/schema.org\/image\" title=\"Capture d\u2019\u00e9cran, le 2023-09-08 \u00e0 10.02.42\" alt=\"Capture d\u2019\u00e9cran, le 2023-09-08 \u00e0 10.02.42\" style=\"width: 239px; height: 157px;\" \/> <\/a> <\/div> <\/div> <!-- close group --> <\/div> <!-- close row --> <div class=\"gallery-row\" style=\"width: 700px; height: 175px;\" data-original-width=\"700\" data-original-height=\"175\" > <div class=\"gallery-group images-1\" style=\"width: 234px; height: 175px;\" data-original-width=\"234\" data-original-height=\"175\" > <div class=\"tiled-gallery-item tiled-gallery-item-small\" itemprop=\"associatedMedia\" itemscope itemtype=\"http:\/\/schema.org\/ImageObject\"> <a href=\"https:\/\/itayachtscanada.com\/fr\/listing\/azimut-s7-2018-2100000-usd-for-sale\/capture-decran-le-2023-09-08-a-10-01-57\/\" border=\"0\" itemprop=\"url\"> <meta itemprop=\"width\" content=\"230\"> <meta itemprop=\"height\" content=\"171\"> <img decoding=\"async\" class=\"\" data-attachment-id=\"132429\" data-orig-file=\"https:\/\/itayachtscanada.com\/wp-content\/uploads\/2023\/09\/Capture-decran-le-2023-09-08-a-10.01.57.png\" data-orig-size=\"980,730\" data-comments-opened=\"1\" data-image-meta=\"{&quot;aperture&quot;:&quot;0&quot;,&quot;credit&quot;:&quot;&quot;,&quot;camera&quot;:&quot;&quot;,&quot;caption&quot;:&quot;&quot;,&quot;created_timestamp&quot;:&quot;0&quot;,&quot;copyright&quot;:&quot;&quot;,&quot;focal_length&quot;:&quot;0&quot;,&quot;iso&quot;:&quot;0&quot;,&quot;shutter_speed&quot;:&quot;0&quot;,&quot;title&quot;:&quot;&quot;,&quot;orientation&quot;:&quot;0&quot;}\" data-image-title=\"Capture d\u2019\u00e9cran, le 2023-09-08 \u00e0 10.01.57\" data-image-description=\"\" data-medium-file=\"https:\/\/i0.wp.com\/itayachtscanada.com\/wp-content\/uploads\/2023\/09\/Capture-decran-le-2023-09-08-a-10.01.57.png?fit=300%2C223&#038;ssl=1\" data-large-file=\"https:\/\/i0.wp.com\/itayachtscanada.com\/wp-content\/uploads\/2023\/09\/Capture-decran-le-2023-09-08-a-10.01.57.png?fit=700%2C521&#038;ssl=1\" src=\"https:\/\/i0.wp.com\/itayachtscanada.com\/wp-content\/uploads\/2023\/09\/Capture-decran-le-2023-09-08-a-10.01.57.png?w=230&#038;h=171&#038;ssl=1\" srcset=\"https:\/\/i0.wp.com\/itayachtscanada.com\/wp-content\/uploads\/2023\/09\/Capture-decran-le-2023-09-08-a-10.01.57.png?w=980&amp;ssl=1 980w, https:\/\/i0.wp.com\/itayachtscanada.com\/wp-content\/uploads\/2023\/09\/Capture-decran-le-2023-09-08-a-10.01.57.png?resize=300%2C223&amp;ssl=1 300w, https:\/\/i0.wp.com\/itayachtscanada.com\/wp-content\/uploads\/2023\/09\/Capture-decran-le-2023-09-08-a-10.01.57.png?resize=768%2C572&amp;ssl=1 768w, https:\/\/i0.wp.com\/itayachtscanada.com\/wp-content\/uploads\/2023\/09\/Capture-decran-le-2023-09-08-a-10.01.57.png?resize=200%2C150&amp;ssl=1 200w, https:\/\/i0.wp.com\/itayachtscanada.com\/wp-content\/uploads\/2023\/09\/Capture-decran-le-2023-09-08-a-10.01.57.png?resize=700%2C521&amp;ssl=1 700w, https:\/\/i0.wp.com\/itayachtscanada.com\/wp-content\/uploads\/2023\/09\/Capture-decran-le-2023-09-08-a-10.01.57.png?resize=537%2C400&amp;ssl=1 537w\" width=\"230\" height=\"171\" loading=\"lazy\" data-original-width=\"230\" data-original-height=\"171\" itemprop=\"http:\/\/schema.org\/image\" title=\"Capture d\u2019\u00e9cran, le 2023-09-08 \u00e0 10.01.57\" alt=\"Capture d\u2019\u00e9cran, le 2023-09-08 \u00e0 10.01.57\" style=\"width: 230px; height: 171px;\" \/> <\/a> <\/div> <\/div> <!-- close group --> <div class=\"gallery-group images-1\" style=\"width: 233px; height: 175px;\" data-original-width=\"233\" data-original-height=\"175\" > <div class=\"tiled-gallery-item tiled-gallery-item-small\" itemprop=\"associatedMedia\" itemscope itemtype=\"http:\/\/schema.org\/ImageObject\"> <a href=\"https:\/\/itayachtscanada.com\/fr\/listing\/azimut-s7-2018-2100000-usd-for-sale\/capture-decran-le-2023-09-08-a-10-02-35\/\" border=\"0\" itemprop=\"url\"> <meta itemprop=\"width\" content=\"229\"> <meta itemprop=\"height\" content=\"171\"> <img decoding=\"async\" class=\"\" data-attachment-id=\"132416\" data-orig-file=\"https:\/\/itayachtscanada.com\/wp-content\/uploads\/2023\/09\/Capture-decran-le-2023-09-08-a-10.02.35.png\" data-orig-size=\"980,730\" data-comments-opened=\"1\" data-image-meta=\"{&quot;aperture&quot;:&quot;0&quot;,&quot;credit&quot;:&quot;&quot;,&quot;camera&quot;:&quot;&quot;,&quot;caption&quot;:&quot;&quot;,&quot;created_timestamp&quot;:&quot;0&quot;,&quot;copyright&quot;:&quot;&quot;,&quot;focal_length&quot;:&quot;0&quot;,&quot;iso&quot;:&quot;0&quot;,&quot;shutter_speed&quot;:&quot;0&quot;,&quot;title&quot;:&quot;&quot;,&quot;orientation&quot;:&quot;0&quot;}\" data-image-title=\"Capture d\u2019\u00e9cran, le 2023-09-08 \u00e0 10.02.35\" data-image-description=\"\" data-medium-file=\"https:\/\/i0.wp.com\/itayachtscanada.com\/wp-content\/uploads\/2023\/09\/Capture-decran-le-2023-09-08-a-10.02.35.png?fit=300%2C223&#038;ssl=1\" data-large-file=\"https:\/\/i0.wp.com\/itayachtscanada.com\/wp-content\/uploads\/2023\/09\/Capture-decran-le-2023-09-08-a-10.02.35.png?fit=700%2C521&#038;ssl=1\" src=\"https:\/\/i0.wp.com\/itayachtscanada.com\/wp-content\/uploads\/2023\/09\/Capture-decran-le-2023-09-08-a-10.02.35.png?w=229&#038;h=171&#038;ssl=1\" srcset=\"https:\/\/i0.wp.com\/itayachtscanada.com\/wp-content\/uploads\/2023\/09\/Capture-decran-le-2023-09-08-a-10.02.35.png?w=980&amp;ssl=1 980w, https:\/\/i0.wp.com\/itayachtscanada.com\/wp-content\/uploads\/2023\/09\/Capture-decran-le-2023-09-08-a-10.02.35.png?resize=300%2C223&amp;ssl=1 300w, https:\/\/i0.wp.com\/itayachtscanada.com\/wp-content\/uploads\/2023\/09\/Capture-decran-le-2023-09-08-a-10.02.35.png?resize=768%2C572&amp;ssl=1 768w, https:\/\/i0.wp.com\/itayachtscanada.com\/wp-content\/uploads\/2023\/09\/Capture-decran-le-2023-09-08-a-10.02.35.png?resize=800%2C600&amp;ssl=1 800w, https:\/\/i0.wp.com\/itayachtscanada.com\/wp-content\/uploads\/2023\/09\/Capture-decran-le-2023-09-08-a-10.02.35.png?resize=400%2C300&amp;ssl=1 400w, https:\/\/i0.wp.com\/itayachtscanada.com\/wp-content\/uploads\/2023\/09\/Capture-decran-le-2023-09-08-a-10.02.35.png?resize=200%2C150&amp;ssl=1 200w, https:\/\/i0.wp.com\/itayachtscanada.com\/wp-content\/uploads\/2023\/09\/Capture-decran-le-2023-09-08-a-10.02.35.png?resize=700%2C521&amp;ssl=1 700w, https:\/\/i0.wp.com\/itayachtscanada.com\/wp-content\/uploads\/2023\/09\/Capture-decran-le-2023-09-08-a-10.02.35.png?resize=537%2C400&amp;ssl=1 537w\" width=\"229\" height=\"171\" loading=\"lazy\" data-original-width=\"229\" data-original-height=\"171\" itemprop=\"http:\/\/schema.org\/image\" title=\"Capture d\u2019\u00e9cran, le 2023-09-08 \u00e0 10.02.35\" alt=\"Capture d\u2019\u00e9cran, le 2023-09-08 \u00e0 10.02.35\" style=\"width: 229px; height: 171px;\" \/> <\/a> <\/div> <\/div> <!-- close group --> <div class=\"gallery-group images-1\" style=\"width: 233px; height: 175px;\" data-original-width=\"233\" data-original-height=\"175\" > <div class=\"tiled-gallery-item tiled-gallery-item-small\" itemprop=\"associatedMedia\" itemscope itemtype=\"http:\/\/schema.org\/ImageObject\"> <a href=\"https:\/\/itayachtscanada.com\/fr\/listing\/azimut-s7-2018-2100000-usd-for-sale\/capture-decran-le-2023-09-08-a-10-02-01\/\" border=\"0\" itemprop=\"url\"> <meta itemprop=\"width\" content=\"229\"> <meta itemprop=\"height\" content=\"171\"> <img decoding=\"async\" class=\"\" data-attachment-id=\"132428\" data-orig-file=\"https:\/\/itayachtscanada.com\/wp-content\/uploads\/2023\/09\/Capture-decran-le-2023-09-08-a-10.02.01.png\" data-orig-size=\"980,730\" data-comments-opened=\"1\" data-image-meta=\"{&quot;aperture&quot;:&quot;0&quot;,&quot;credit&quot;:&quot;&quot;,&quot;camera&quot;:&quot;&quot;,&quot;caption&quot;:&quot;&quot;,&quot;created_timestamp&quot;:&quot;0&quot;,&quot;copyright&quot;:&quot;&quot;,&quot;focal_length&quot;:&quot;0&quot;,&quot;iso&quot;:&quot;0&quot;,&quot;shutter_speed&quot;:&quot;0&quot;,&quot;title&quot;:&quot;&quot;,&quot;orientation&quot;:&quot;0&quot;}\" data-image-title=\"Capture d\u2019\u00e9cran, le 2023-09-08 \u00e0 10.02.01\" data-image-description=\"\" data-medium-file=\"https:\/\/i0.wp.com\/itayachtscanada.com\/wp-content\/uploads\/2023\/09\/Capture-decran-le-2023-09-08-a-10.02.01.png?fit=300%2C223&#038;ssl=1\" data-large-file=\"https:\/\/i0.wp.com\/itayachtscanada.com\/wp-content\/uploads\/2023\/09\/Capture-decran-le-2023-09-08-a-10.02.01.png?fit=700%2C521&#038;ssl=1\" src=\"https:\/\/i0.wp.com\/itayachtscanada.com\/wp-content\/uploads\/2023\/09\/Capture-decran-le-2023-09-08-a-10.02.01.png?w=229&#038;h=171&#038;ssl=1\" srcset=\"https:\/\/i0.wp.com\/itayachtscanada.com\/wp-content\/uploads\/2023\/09\/Capture-decran-le-2023-09-08-a-10.02.01.png?w=980&amp;ssl=1 980w, https:\/\/i0.wp.com\/itayachtscanada.com\/wp-content\/uploads\/2023\/09\/Capture-decran-le-2023-09-08-a-10.02.01.png?resize=300%2C223&amp;ssl=1 300w, https:\/\/i0.wp.com\/itayachtscanada.com\/wp-content\/uploads\/2023\/09\/Capture-decran-le-2023-09-08-a-10.02.01.png?resize=768%2C572&amp;ssl=1 768w, https:\/\/i0.wp.com\/itayachtscanada.com\/wp-content\/uploads\/2023\/09\/Capture-decran-le-2023-09-08-a-10.02.01.png?resize=800%2C600&amp;ssl=1 800w, https:\/\/i0.wp.com\/itayachtscanada.com\/wp-content\/uploads\/2023\/09\/Capture-decran-le-2023-09-08-a-10.02.01.png?resize=400%2C300&amp;ssl=1 400w, https:\/\/i0.wp.com\/itayachtscanada.com\/wp-content\/uploads\/2023\/09\/Capture-decran-le-2023-09-08-a-10.02.01.png?resize=200%2C150&amp;ssl=1 200w, https:\/\/i0.wp.com\/itayachtscanada.com\/wp-content\/uploads\/2023\/09\/Capture-decran-le-2023-09-08-a-10.02.01.png?resize=700%2C521&amp;ssl=1 700w, https:\/\/i0.wp.com\/itayachtscanada.com\/wp-content\/uploads\/2023\/09\/Capture-decran-le-2023-09-08-a-10.02.01.png?resize=537%2C400&amp;ssl=1 537w\" width=\"229\" height=\"171\" loading=\"lazy\" data-original-width=\"229\" data-original-height=\"171\" itemprop=\"http:\/\/schema.org\/image\" title=\"Capture d\u2019\u00e9cran, le 2023-09-08 \u00e0 10.02.01\" alt=\"Capture d\u2019\u00e9cran, le 2023-09-08 \u00e0 10.02.01\" style=\"width: 229px; height: 171px;\" \/> <\/a> <\/div> <\/div> <!-- close group --> <\/div> <!-- close row --> <div class=\"gallery-row\" style=\"width: 700px; height: 316px;\" data-original-width=\"700\" data-original-height=\"316\" > <div class=\"gallery-group images-2\" style=\"width: 223px; height: 316px;\" data-original-width=\"223\" data-original-height=\"316\" > <div class=\"tiled-gallery-item tiled-gallery-item-small\" itemprop=\"associatedMedia\" itemscope itemtype=\"http:\/\/schema.org\/ImageObject\"> <a href=\"https:\/\/itayachtscanada.com\/fr\/listing\/azimut-s7-2018-2100000-usd-for-sale\/capture-decran-le-2023-09-08-a-10-02-18\/\" border=\"0\" itemprop=\"url\"> <meta itemprop=\"width\" content=\"219\"> <meta itemprop=\"height\" content=\"163\"> <img decoding=\"async\" class=\"\" data-attachment-id=\"132422\" data-orig-file=\"https:\/\/itayachtscanada.com\/wp-content\/uploads\/2023\/09\/Capture-decran-le-2023-09-08-a-10.02.18.png\" data-orig-size=\"980,730\" data-comments-opened=\"1\" data-image-meta=\"{&quot;aperture&quot;:&quot;0&quot;,&quot;credit&quot;:&quot;&quot;,&quot;camera&quot;:&quot;&quot;,&quot;caption&quot;:&quot;&quot;,&quot;created_timestamp&quot;:&quot;0&quot;,&quot;copyright&quot;:&quot;&quot;,&quot;focal_length&quot;:&quot;0&quot;,&quot;iso&quot;:&quot;0&quot;,&quot;shutter_speed&quot;:&quot;0&quot;,&quot;title&quot;:&quot;&quot;,&quot;orientation&quot;:&quot;0&quot;}\" data-image-title=\"Capture d\u2019\u00e9cran, le 2023-09-08 \u00e0 10.02.18\" data-image-description=\"\" data-medium-file=\"https:\/\/i0.wp.com\/itayachtscanada.com\/wp-content\/uploads\/2023\/09\/Capture-decran-le-2023-09-08-a-10.02.18.png?fit=300%2C223&#038;ssl=1\" data-large-file=\"https:\/\/i0.wp.com\/itayachtscanada.com\/wp-content\/uploads\/2023\/09\/Capture-decran-le-2023-09-08-a-10.02.18.png?fit=700%2C521&#038;ssl=1\" src=\"https:\/\/i0.wp.com\/itayachtscanada.com\/wp-content\/uploads\/2023\/09\/Capture-decran-le-2023-09-08-a-10.02.18.png?w=219&#038;h=163&#038;ssl=1\" srcset=\"https:\/\/i0.wp.com\/itayachtscanada.com\/wp-content\/uploads\/2023\/09\/Capture-decran-le-2023-09-08-a-10.02.18.png?w=980&amp;ssl=1 980w, https:\/\/i0.wp.com\/itayachtscanada.com\/wp-content\/uploads\/2023\/09\/Capture-decran-le-2023-09-08-a-10.02.18.png?resize=300%2C223&amp;ssl=1 300w, https:\/\/i0.wp.com\/itayachtscanada.com\/wp-content\/uploads\/2023\/09\/Capture-decran-le-2023-09-08-a-10.02.18.png?resize=768%2C572&amp;ssl=1 768w, https:\/\/i0.wp.com\/itayachtscanada.com\/wp-content\/uploads\/2023\/09\/Capture-decran-le-2023-09-08-a-10.02.18.png?resize=800%2C600&amp;ssl=1 800w, https:\/\/i0.wp.com\/itayachtscanada.com\/wp-content\/uploads\/2023\/09\/Capture-decran-le-2023-09-08-a-10.02.18.png?resize=400%2C300&amp;ssl=1 400w, https:\/\/i0.wp.com\/itayachtscanada.com\/wp-content\/uploads\/2023\/09\/Capture-decran-le-2023-09-08-a-10.02.18.png?resize=200%2C150&amp;ssl=1 200w, https:\/\/i0.wp.com\/itayachtscanada.com\/wp-content\/uploads\/2023\/09\/Capture-decran-le-2023-09-08-a-10.02.18.png?resize=700%2C521&amp;ssl=1 700w, https:\/\/i0.wp.com\/itayachtscanada.com\/wp-content\/uploads\/2023\/09\/Capture-decran-le-2023-09-08-a-10.02.18.png?resize=537%2C400&amp;ssl=1 537w\" width=\"219\" height=\"163\" loading=\"lazy\" data-original-width=\"219\" data-original-height=\"163\" itemprop=\"http:\/\/schema.org\/image\" title=\"Capture d\u2019\u00e9cran, le 2023-09-08 \u00e0 10.02.18\" alt=\"Capture d\u2019\u00e9cran, le 2023-09-08 \u00e0 10.02.18\" style=\"width: 219px; height: 163px;\" \/> <\/a> <\/div> <div class=\"tiled-gallery-item tiled-gallery-item-small\" itemprop=\"associatedMedia\" itemscope itemtype=\"http:\/\/schema.org\/ImageObject\"> <a href=\"https:\/\/itayachtscanada.com\/fr\/listing\/azimut-s7-2018-2100000-usd-for-sale\/capture-decran-le-2023-09-08-a-10-04-15\/\" border=\"0\" itemprop=\"url\"> <meta itemprop=\"width\" content=\"219\"> <meta itemprop=\"height\" content=\"145\"> <img decoding=\"async\" class=\"\" data-attachment-id=\"132393\" data-orig-file=\"https:\/\/itayachtscanada.com\/wp-content\/uploads\/2023\/09\/Capture-decran-le-2023-09-08-a-10.04.15.png\" data-orig-size=\"1108,730\" data-comments-opened=\"1\" data-image-meta=\"{&quot;aperture&quot;:&quot;0&quot;,&quot;credit&quot;:&quot;&quot;,&quot;camera&quot;:&quot;&quot;,&quot;caption&quot;:&quot;&quot;,&quot;created_timestamp&quot;:&quot;0&quot;,&quot;copyright&quot;:&quot;&quot;,&quot;focal_length&quot;:&quot;0&quot;,&quot;iso&quot;:&quot;0&quot;,&quot;shutter_speed&quot;:&quot;0&quot;,&quot;title&quot;:&quot;&quot;,&quot;orientation&quot;:&quot;0&quot;}\" data-image-title=\"Capture d\u2019\u00e9cran, le 2023-09-08 \u00e0 10.04.15\" data-image-description=\"\" data-medium-file=\"https:\/\/i0.wp.com\/itayachtscanada.com\/wp-content\/uploads\/2023\/09\/Capture-decran-le-2023-09-08-a-10.04.15.png?fit=300%2C198&#038;ssl=1\" data-large-file=\"https:\/\/i0.wp.com\/itayachtscanada.com\/wp-content\/uploads\/2023\/09\/Capture-decran-le-2023-09-08-a-10.04.15.png?fit=700%2C461&#038;ssl=1\" src=\"https:\/\/i0.wp.com\/itayachtscanada.com\/wp-content\/uploads\/2023\/09\/Capture-decran-le-2023-09-08-a-10.04.15.png?w=219&#038;h=145&#038;ssl=1\" srcset=\"https:\/\/i0.wp.com\/itayachtscanada.com\/wp-content\/uploads\/2023\/09\/Capture-decran-le-2023-09-08-a-10.04.15.png?w=1108&amp;ssl=1 1108w, https:\/\/i0.wp.com\/itayachtscanada.com\/wp-content\/uploads\/2023\/09\/Capture-decran-le-2023-09-08-a-10.04.15.png?resize=300%2C198&amp;ssl=1 300w, https:\/\/i0.wp.com\/itayachtscanada.com\/wp-content\/uploads\/2023\/09\/Capture-decran-le-2023-09-08-a-10.04.15.png?resize=1024%2C675&amp;ssl=1 1024w, https:\/\/i0.wp.com\/itayachtscanada.com\/wp-content\/uploads\/2023\/09\/Capture-decran-le-2023-09-08-a-10.04.15.png?resize=768%2C506&amp;ssl=1 768w, https:\/\/i0.wp.com\/itayachtscanada.com\/wp-content\/uploads\/2023\/09\/Capture-decran-le-2023-09-08-a-10.04.15.png?resize=700%2C461&amp;ssl=1 700w, https:\/\/i0.wp.com\/itayachtscanada.com\/wp-content\/uploads\/2023\/09\/Capture-decran-le-2023-09-08-a-10.04.15.png?resize=900%2C600&amp;ssl=1 900w, https:\/\/i0.wp.com\/itayachtscanada.com\/wp-content\/uploads\/2023\/09\/Capture-decran-le-2023-09-08-a-10.04.15.png?resize=607%2C400&amp;ssl=1 607w\" width=\"219\" height=\"145\" loading=\"lazy\" data-original-width=\"219\" data-original-height=\"145\" itemprop=\"http:\/\/schema.org\/image\" title=\"Capture d\u2019\u00e9cran, le 2023-09-08 \u00e0 10.04.15\" alt=\"Capture d\u2019\u00e9cran, le 2023-09-08 \u00e0 10.04.15\" style=\"width: 219px; height: 145px;\" \/> <\/a> <\/div> <\/div> <!-- close group --> <div class=\"gallery-group images-1\" style=\"width: 477px; height: 316px;\" data-original-width=\"477\" data-original-height=\"316\" > <div class=\"tiled-gallery-item tiled-gallery-item-large\" itemprop=\"associatedMedia\" itemscope itemtype=\"http:\/\/schema.org\/ImageObject\"> <a href=\"https:\/\/itayachtscanada.com\/fr\/listing\/azimut-s7-2018-2100000-usd-for-sale\/capture-decran-le-2023-09-08-a-10-04-18\/\" border=\"0\" itemprop=\"url\"> <meta itemprop=\"width\" content=\"473\"> <meta itemprop=\"height\" content=\"312\"> <img decoding=\"async\" class=\"\" data-attachment-id=\"132392\" data-orig-file=\"https:\/\/itayachtscanada.com\/wp-content\/uploads\/2023\/09\/Capture-decran-le-2023-09-08-a-10.04.18.png\" data-orig-size=\"1108,730\" data-comments-opened=\"1\" data-image-meta=\"{&quot;aperture&quot;:&quot;0&quot;,&quot;credit&quot;:&quot;&quot;,&quot;camera&quot;:&quot;&quot;,&quot;caption&quot;:&quot;&quot;,&quot;created_timestamp&quot;:&quot;0&quot;,&quot;copyright&quot;:&quot;&quot;,&quot;focal_length&quot;:&quot;0&quot;,&quot;iso&quot;:&quot;0&quot;,&quot;shutter_speed&quot;:&quot;0&quot;,&quot;title&quot;:&quot;&quot;,&quot;orientation&quot;:&quot;0&quot;}\" data-image-title=\"Capture d\u2019\u00e9cran, le 2023-09-08 \u00e0 10.04.18\" data-image-description=\"\" data-medium-file=\"https:\/\/i0.wp.com\/itayachtscanada.com\/wp-content\/uploads\/2023\/09\/Capture-decran-le-2023-09-08-a-10.04.18.png?fit=300%2C198&#038;ssl=1\" data-large-file=\"https:\/\/i0.wp.com\/itayachtscanada.com\/wp-content\/uploads\/2023\/09\/Capture-decran-le-2023-09-08-a-10.04.18.png?fit=700%2C461&#038;ssl=1\" src=\"https:\/\/i0.wp.com\/itayachtscanada.com\/wp-content\/uploads\/2023\/09\/Capture-decran-le-2023-09-08-a-10.04.18.png?w=473&#038;h=312&#038;ssl=1\" srcset=\"https:\/\/i0.wp.com\/itayachtscanada.com\/wp-content\/uploads\/2023\/09\/Capture-decran-le-2023-09-08-a-10.04.18.png?w=1108&amp;ssl=1 1108w, https:\/\/i0.wp.com\/itayachtscanada.com\/wp-content\/uploads\/2023\/09\/Capture-decran-le-2023-09-08-a-10.04.18.png?resize=300%2C198&amp;ssl=1 300w, https:\/\/i0.wp.com\/itayachtscanada.com\/wp-content\/uploads\/2023\/09\/Capture-decran-le-2023-09-08-a-10.04.18.png?resize=1024%2C675&amp;ssl=1 1024w, https:\/\/i0.wp.com\/itayachtscanada.com\/wp-content\/uploads\/2023\/09\/Capture-decran-le-2023-09-08-a-10.04.18.png?resize=768%2C506&amp;ssl=1 768w, https:\/\/i0.wp.com\/itayachtscanada.com\/wp-content\/uploads\/2023\/09\/Capture-decran-le-2023-09-08-a-10.04.18.png?resize=700%2C461&amp;ssl=1 700w, https:\/\/i0.wp.com\/itayachtscanada.com\/wp-content\/uploads\/2023\/09\/Capture-decran-le-2023-09-08-a-10.04.18.png?resize=607%2C400&amp;ssl=1 607w\" width=\"473\" height=\"312\" loading=\"lazy\" data-original-width=\"473\" data-original-height=\"312\" itemprop=\"http:\/\/schema.org\/image\" title=\"Capture d\u2019\u00e9cran, le 2023-09-08 \u00e0 10.04.18\" alt=\"Capture d\u2019\u00e9cran, le 2023-09-08 \u00e0 10.04.18\" style=\"width: 473px; height: 312px;\" \/> <\/a> <\/div> <\/div> <!-- close group --> <\/div> <!-- close row --> <div class=\"gallery-row\" style=\"width: 700px; height: 232px;\" data-original-width=\"700\" data-original-height=\"232\" > <div class=\"gallery-group images-1\" style=\"width: 350px; height: 232px;\" data-original-width=\"350\" data-original-height=\"232\" > <div class=\"tiled-gallery-item tiled-gallery-item-large\" itemprop=\"associatedMedia\" itemscope itemtype=\"http:\/\/schema.org\/ImageObject\"> <a href=\"https:\/\/itayachtscanada.com\/fr\/listing\/azimut-s7-2018-2100000-usd-for-sale\/capture-decran-le-2023-09-08-a-10-04-10\/\" border=\"0\" itemprop=\"url\"> <meta itemprop=\"width\" content=\"346\"> <meta itemprop=\"height\" content=\"228\"> <img decoding=\"async\" class=\"\" data-attachment-id=\"132395\" data-orig-file=\"https:\/\/itayachtscanada.com\/wp-content\/uploads\/2023\/09\/Capture-decran-le-2023-09-08-a-10.04.10.png\" data-orig-size=\"1108,730\" data-comments-opened=\"1\" data-image-meta=\"{&quot;aperture&quot;:&quot;0&quot;,&quot;credit&quot;:&quot;&quot;,&quot;camera&quot;:&quot;&quot;,&quot;caption&quot;:&quot;&quot;,&quot;created_timestamp&quot;:&quot;0&quot;,&quot;copyright&quot;:&quot;&quot;,&quot;focal_length&quot;:&quot;0&quot;,&quot;iso&quot;:&quot;0&quot;,&quot;shutter_speed&quot;:&quot;0&quot;,&quot;title&quot;:&quot;&quot;,&quot;orientation&quot;:&quot;0&quot;}\" data-image-title=\"Capture d\u2019\u00e9cran, le 2023-09-08 \u00e0 10.04.10\" data-image-description=\"\" data-medium-file=\"https:\/\/i0.wp.com\/itayachtscanada.com\/wp-content\/uploads\/2023\/09\/Capture-decran-le-2023-09-08-a-10.04.10.png?fit=300%2C198&#038;ssl=1\" data-large-file=\"https:\/\/i0.wp.com\/itayachtscanada.com\/wp-content\/uploads\/2023\/09\/Capture-decran-le-2023-09-08-a-10.04.10.png?fit=700%2C461&#038;ssl=1\" src=\"https:\/\/i0.wp.com\/itayachtscanada.com\/wp-content\/uploads\/2023\/09\/Capture-decran-le-2023-09-08-a-10.04.10.png?w=346&#038;h=228&#038;ssl=1\" srcset=\"https:\/\/i0.wp.com\/itayachtscanada.com\/wp-content\/uploads\/2023\/09\/Capture-decran-le-2023-09-08-a-10.04.10.png?w=1108&amp;ssl=1 1108w, https:\/\/i0.wp.com\/itayachtscanada.com\/wp-content\/uploads\/2023\/09\/Capture-decran-le-2023-09-08-a-10.04.10.png?resize=300%2C198&amp;ssl=1 300w, https:\/\/i0.wp.com\/itayachtscanada.com\/wp-content\/uploads\/2023\/09\/Capture-decran-le-2023-09-08-a-10.04.10.png?resize=1024%2C675&amp;ssl=1 1024w, https:\/\/i0.wp.com\/itayachtscanada.com\/wp-content\/uploads\/2023\/09\/Capture-decran-le-2023-09-08-a-10.04.10.png?resize=768%2C506&amp;ssl=1 768w, https:\/\/i0.wp.com\/itayachtscanada.com\/wp-content\/uploads\/2023\/09\/Capture-decran-le-2023-09-08-a-10.04.10.png?resize=700%2C461&amp;ssl=1 700w, https:\/\/i0.wp.com\/itayachtscanada.com\/wp-content\/uploads\/2023\/09\/Capture-decran-le-2023-09-08-a-10.04.10.png?resize=607%2C400&amp;ssl=1 607w\" width=\"346\" height=\"228\" loading=\"lazy\" data-original-width=\"346\" data-original-height=\"228\" itemprop=\"http:\/\/schema.org\/image\" title=\"Capture d\u2019\u00e9cran, le 2023-09-08 \u00e0 10.04.10\" alt=\"Capture d\u2019\u00e9cran, le 2023-09-08 \u00e0 10.04.10\" style=\"width: 346px; height: 228px;\" \/> <\/a> <\/div> <\/div> <!-- close group --> <div class=\"gallery-group images-1\" style=\"width: 350px; height: 232px;\" data-original-width=\"350\" data-original-height=\"232\" > <div class=\"tiled-gallery-item tiled-gallery-item-large\" itemprop=\"associatedMedia\" itemscope itemtype=\"http:\/\/schema.org\/ImageObject\"> <a href=\"https:\/\/itayachtscanada.com\/fr\/listing\/azimut-s7-2018-2100000-usd-for-sale\/capture-decran-le-2023-09-08-a-10-04-12\/\" border=\"0\" itemprop=\"url\"> <meta itemprop=\"width\" content=\"346\"> <meta itemprop=\"height\" content=\"228\"> <img decoding=\"async\" class=\"\" data-attachment-id=\"132394\" data-orig-file=\"https:\/\/itayachtscanada.com\/wp-content\/uploads\/2023\/09\/Capture-decran-le-2023-09-08-a-10.04.12.png\" data-orig-size=\"1108,730\" data-comments-opened=\"1\" data-image-meta=\"{&quot;aperture&quot;:&quot;0&quot;,&quot;credit&quot;:&quot;&quot;,&quot;camera&quot;:&quot;&quot;,&quot;caption&quot;:&quot;&quot;,&quot;created_timestamp&quot;:&quot;0&quot;,&quot;copyright&quot;:&quot;&quot;,&quot;focal_length&quot;:&quot;0&quot;,&quot;iso&quot;:&quot;0&quot;,&quot;shutter_speed&quot;:&quot;0&quot;,&quot;title&quot;:&quot;&quot;,&quot;orientation&quot;:&quot;0&quot;}\" data-image-title=\"Capture d\u2019\u00e9cran, le 2023-09-08 \u00e0 10.04.12\" data-image-description=\"\" data-medium-file=\"https:\/\/i0.wp.com\/itayachtscanada.com\/wp-content\/uploads\/2023\/09\/Capture-decran-le-2023-09-08-a-10.04.12.png?fit=300%2C198&#038;ssl=1\" data-large-file=\"https:\/\/i0.wp.com\/itayachtscanada.com\/wp-content\/uploads\/2023\/09\/Capture-decran-le-2023-09-08-a-10.04.12.png?fit=700%2C461&#038;ssl=1\" src=\"https:\/\/i0.wp.com\/itayachtscanada.com\/wp-content\/uploads\/2023\/09\/Capture-decran-le-2023-09-08-a-10.04.12.png?w=346&#038;h=228&#038;ssl=1\" srcset=\"https:\/\/i0.wp.com\/itayachtscanada.com\/wp-content\/uploads\/2023\/09\/Capture-decran-le-2023-09-08-a-10.04.12.png?w=1108&amp;ssl=1 1108w, https:\/\/i0.wp.com\/itayachtscanada.com\/wp-content\/uploads\/2023\/09\/Capture-decran-le-2023-09-08-a-10.04.12.png?resize=300%2C198&amp;ssl=1 300w, https:\/\/i0.wp.com\/itayachtscanada.com\/wp-content\/uploads\/2023\/09\/Capture-decran-le-2023-09-08-a-10.04.12.png?resize=1024%2C675&amp;ssl=1 1024w, https:\/\/i0.wp.com\/itayachtscanada.com\/wp-content\/uploads\/2023\/09\/Capture-decran-le-2023-09-08-a-10.04.12.png?resize=768%2C506&amp;ssl=1 768w, https:\/\/i0.wp.com\/itayachtscanada.com\/wp-content\/uploads\/2023\/09\/Capture-decran-le-2023-09-08-a-10.04.12.png?resize=700%2C461&amp;ssl=1 700w, https:\/\/i0.wp.com\/itayachtscanada.com\/wp-content\/uploads\/2023\/09\/Capture-decran-le-2023-09-08-a-10.04.12.png?resize=607%2C400&amp;ssl=1 607w\" width=\"346\" height=\"228\" loading=\"lazy\" data-original-width=\"346\" data-original-height=\"228\" itemprop=\"http:\/\/schema.org\/image\" title=\"Capture d\u2019\u00e9cran, le 2023-09-08 \u00e0 10.04.12\" alt=\"Capture d\u2019\u00e9cran, le 2023-09-08 \u00e0 10.04.12\" style=\"width: 346px; height: 228px;\" \/> <\/a> <\/div> <\/div> <!-- close group --> <\/div> <!-- close row --> <div class=\"gallery-row\" style=\"width: 700px; height: 349px;\" data-original-width=\"700\" data-original-height=\"349\" > <div class=\"gallery-group images-1\" style=\"width: 467px; height: 349px;\" data-original-width=\"467\" data-original-height=\"349\" > <div class=\"tiled-gallery-item tiled-gallery-item-large\" itemprop=\"associatedMedia\" itemscope itemtype=\"http:\/\/schema.org\/ImageObject\"> <a href=\"https:\/\/itayachtscanada.com\/fr\/listing\/azimut-s7-2018-2100000-usd-for-sale\/capture-decran-le-2023-09-08-a-10-02-32\/\" border=\"0\" itemprop=\"url\"> <meta itemprop=\"width\" content=\"463\"> <meta itemprop=\"height\" content=\"345\"> <img decoding=\"async\" class=\"\" data-attachment-id=\"132417\" data-orig-file=\"https:\/\/itayachtscanada.com\/wp-content\/uploads\/2023\/09\/Capture-decran-le-2023-09-08-a-10.02.32.png\" data-orig-size=\"980,730\" data-comments-opened=\"1\" data-image-meta=\"{&quot;aperture&quot;:&quot;0&quot;,&quot;credit&quot;:&quot;&quot;,&quot;camera&quot;:&quot;&quot;,&quot;caption&quot;:&quot;&quot;,&quot;created_timestamp&quot;:&quot;0&quot;,&quot;copyright&quot;:&quot;&quot;,&quot;focal_length&quot;:&quot;0&quot;,&quot;iso&quot;:&quot;0&quot;,&quot;shutter_speed&quot;:&quot;0&quot;,&quot;title&quot;:&quot;&quot;,&quot;orientation&quot;:&quot;0&quot;}\" data-image-title=\"Capture d\u2019\u00e9cran, le 2023-09-08 \u00e0 10.02.32\" data-image-description=\"\" data-medium-file=\"https:\/\/i0.wp.com\/itayachtscanada.com\/wp-content\/uploads\/2023\/09\/Capture-decran-le-2023-09-08-a-10.02.32.png?fit=300%2C223&#038;ssl=1\" data-large-file=\"https:\/\/i0.wp.com\/itayachtscanada.com\/wp-content\/uploads\/2023\/09\/Capture-decran-le-2023-09-08-a-10.02.32.png?fit=700%2C521&#038;ssl=1\" src=\"https:\/\/i0.wp.com\/itayachtscanada.com\/wp-content\/uploads\/2023\/09\/Capture-decran-le-2023-09-08-a-10.02.32.png?w=463&#038;h=345&#038;ssl=1\" srcset=\"https:\/\/i0.wp.com\/itayachtscanada.com\/wp-content\/uploads\/2023\/09\/Capture-decran-le-2023-09-08-a-10.02.32.png?w=980&amp;ssl=1 980w, https:\/\/i0.wp.com\/itayachtscanada.com\/wp-content\/uploads\/2023\/09\/Capture-decran-le-2023-09-08-a-10.02.32.png?resize=300%2C223&amp;ssl=1 300w, https:\/\/i0.wp.com\/itayachtscanada.com\/wp-content\/uploads\/2023\/09\/Capture-decran-le-2023-09-08-a-10.02.32.png?resize=768%2C572&amp;ssl=1 768w, https:\/\/i0.wp.com\/itayachtscanada.com\/wp-content\/uploads\/2023\/09\/Capture-decran-le-2023-09-08-a-10.02.32.png?resize=200%2C150&amp;ssl=1 200w, https:\/\/i0.wp.com\/itayachtscanada.com\/wp-content\/uploads\/2023\/09\/Capture-decran-le-2023-09-08-a-10.02.32.png?resize=700%2C521&amp;ssl=1 700w, https:\/\/i0.wp.com\/itayachtscanada.com\/wp-content\/uploads\/2023\/09\/Capture-decran-le-2023-09-08-a-10.02.32.png?resize=537%2C400&amp;ssl=1 537w\" width=\"463\" height=\"345\" loading=\"lazy\" data-original-width=\"463\" data-original-height=\"345\" itemprop=\"http:\/\/schema.org\/image\" title=\"Capture d\u2019\u00e9cran, le 2023-09-08 \u00e0 10.02.32\" alt=\"Capture d\u2019\u00e9cran, le 2023-09-08 \u00e0 10.02.32\" style=\"width: 463px; height: 345px;\" \/> <\/a> <\/div> <\/div> <!-- close group --> <div class=\"gallery-group images-2\" style=\"width: 233px; height: 349px;\" data-original-width=\"233\" data-original-height=\"349\" > <div class=\"tiled-gallery-item tiled-gallery-item-small\" itemprop=\"associatedMedia\" itemscope itemtype=\"http:\/\/schema.org\/ImageObject\"> <a href=\"https:\/\/itayachtscanada.com\/fr\/listing\/azimut-s7-2018-2100000-usd-for-sale\/capture-decran-le-2023-09-08-a-10-02-27\/\" border=\"0\" itemprop=\"url\"> <meta itemprop=\"width\" content=\"229\"> <meta itemprop=\"height\" content=\"171\"> <img decoding=\"async\" class=\"\" data-attachment-id=\"132419\" data-orig-file=\"https:\/\/itayachtscanada.com\/wp-content\/uploads\/2023\/09\/Capture-decran-le-2023-09-08-a-10.02.27.png\" data-orig-size=\"980,730\" data-comments-opened=\"1\" data-image-meta=\"{&quot;aperture&quot;:&quot;0&quot;,&quot;credit&quot;:&quot;&quot;,&quot;camera&quot;:&quot;&quot;,&quot;caption&quot;:&quot;&quot;,&quot;created_timestamp&quot;:&quot;0&quot;,&quot;copyright&quot;:&quot;&quot;,&quot;focal_length&quot;:&quot;0&quot;,&quot;iso&quot;:&quot;0&quot;,&quot;shutter_speed&quot;:&quot;0&quot;,&quot;title&quot;:&quot;&quot;,&quot;orientation&quot;:&quot;0&quot;}\" data-image-title=\"Capture d\u2019\u00e9cran, le 2023-09-08 \u00e0 10.02.27\" data-image-description=\"\" data-medium-file=\"https:\/\/i0.wp.com\/itayachtscanada.com\/wp-content\/uploads\/2023\/09\/Capture-decran-le-2023-09-08-a-10.02.27.png?fit=300%2C223&#038;ssl=1\" data-large-file=\"https:\/\/i0.wp.com\/itayachtscanada.com\/wp-content\/uploads\/2023\/09\/Capture-decran-le-2023-09-08-a-10.02.27.png?fit=700%2C521&#038;ssl=1\" src=\"https:\/\/i0.wp.com\/itayachtscanada.com\/wp-content\/uploads\/2023\/09\/Capture-decran-le-2023-09-08-a-10.02.27.png?w=229&#038;h=171&#038;ssl=1\" srcset=\"https:\/\/i0.wp.com\/itayachtscanada.com\/wp-content\/uploads\/2023\/09\/Capture-decran-le-2023-09-08-a-10.02.27.png?w=980&amp;ssl=1 980w, https:\/\/i0.wp.com\/itayachtscanada.com\/wp-content\/uploads\/2023\/09\/Capture-decran-le-2023-09-08-a-10.02.27.png?resize=300%2C223&amp;ssl=1 300w, https:\/\/i0.wp.com\/itayachtscanada.com\/wp-content\/uploads\/2023\/09\/Capture-decran-le-2023-09-08-a-10.02.27.png?resize=768%2C572&amp;ssl=1 768w, https:\/\/i0.wp.com\/itayachtscanada.com\/wp-content\/uploads\/2023\/09\/Capture-decran-le-2023-09-08-a-10.02.27.png?resize=800%2C600&amp;ssl=1 800w, https:\/\/i0.wp.com\/itayachtscanada.com\/wp-content\/uploads\/2023\/09\/Capture-decran-le-2023-09-08-a-10.02.27.png?resize=400%2C300&amp;ssl=1 400w, https:\/\/i0.wp.com\/itayachtscanada.com\/wp-content\/uploads\/2023\/09\/Capture-decran-le-2023-09-08-a-10.02.27.png?resize=200%2C150&amp;ssl=1 200w, https:\/\/i0.wp.com\/itayachtscanada.com\/wp-content\/uploads\/2023\/09\/Capture-decran-le-2023-09-08-a-10.02.27.png?resize=700%2C521&amp;ssl=1 700w, https:\/\/i0.wp.com\/itayachtscanada.com\/wp-content\/uploads\/2023\/09\/Capture-decran-le-2023-09-08-a-10.02.27.png?resize=537%2C400&amp;ssl=1 537w\" width=\"229\" height=\"171\" loading=\"lazy\" data-original-width=\"229\" data-original-height=\"171\" itemprop=\"http:\/\/schema.org\/image\" title=\"Capture d\u2019\u00e9cran, le 2023-09-08 \u00e0 10.02.27\" alt=\"Capture d\u2019\u00e9cran, le 2023-09-08 \u00e0 10.02.27\" style=\"width: 229px; height: 171px;\" \/> <\/a> <\/div> <div class=\"tiled-gallery-item tiled-gallery-item-small\" itemprop=\"associatedMedia\" itemscope itemtype=\"http:\/\/schema.org\/ImageObject\"> <a href=\"https:\/\/itayachtscanada.com\/fr\/listing\/azimut-s7-2018-2100000-usd-for-sale\/capture-decran-le-2023-09-08-a-10-02-29\/\" border=\"0\" itemprop=\"url\"> <meta itemprop=\"width\" content=\"229\"> <meta itemprop=\"height\" content=\"170\"> <img decoding=\"async\" class=\"\" data-attachment-id=\"132418\" data-orig-file=\"https:\/\/itayachtscanada.com\/wp-content\/uploads\/2023\/09\/Capture-decran-le-2023-09-08-a-10.02.29.png\" data-orig-size=\"980,730\" data-comments-opened=\"1\" data-image-meta=\"{&quot;aperture&quot;:&quot;0&quot;,&quot;credit&quot;:&quot;&quot;,&quot;camera&quot;:&quot;&quot;,&quot;caption&quot;:&quot;&quot;,&quot;created_timestamp&quot;:&quot;0&quot;,&quot;copyright&quot;:&quot;&quot;,&quot;focal_length&quot;:&quot;0&quot;,&quot;iso&quot;:&quot;0&quot;,&quot;shutter_speed&quot;:&quot;0&quot;,&quot;title&quot;:&quot;&quot;,&quot;orientation&quot;:&quot;0&quot;}\" data-image-title=\"Capture d\u2019\u00e9cran, le 2023-09-08 \u00e0 10.02.29\" data-image-description=\"\" data-medium-file=\"https:\/\/i0.wp.com\/itayachtscanada.com\/wp-content\/uploads\/2023\/09\/Capture-decran-le-2023-09-08-a-10.02.29.png?fit=300%2C223&#038;ssl=1\" data-large-file=\"https:\/\/i0.wp.com\/itayachtscanada.com\/wp-content\/uploads\/2023\/09\/Capture-decran-le-2023-09-08-a-10.02.29.png?fit=700%2C521&#038;ssl=1\" src=\"https:\/\/i0.wp.com\/itayachtscanada.com\/wp-content\/uploads\/2023\/09\/Capture-decran-le-2023-09-08-a-10.02.29.png?w=229&#038;h=170&#038;ssl=1\" srcset=\"https:\/\/i0.wp.com\/itayachtscanada.com\/wp-content\/uploads\/2023\/09\/Capture-decran-le-2023-09-08-a-10.02.29.png?w=980&amp;ssl=1 980w, https:\/\/i0.wp.com\/itayachtscanada.com\/wp-content\/uploads\/2023\/09\/Capture-decran-le-2023-09-08-a-10.02.29.png?resize=300%2C223&amp;ssl=1 300w, https:\/\/i0.wp.com\/itayachtscanada.com\/wp-content\/uploads\/2023\/09\/Capture-decran-le-2023-09-08-a-10.02.29.png?resize=768%2C572&amp;ssl=1 768w, https:\/\/i0.wp.com\/itayachtscanada.com\/wp-content\/uploads\/2023\/09\/Capture-decran-le-2023-09-08-a-10.02.29.png?resize=700%2C521&amp;ssl=1 700w, https:\/\/i0.wp.com\/itayachtscanada.com\/wp-content\/uploads\/2023\/09\/Capture-decran-le-2023-09-08-a-10.02.29.png?resize=537%2C400&amp;ssl=1 537w\" width=\"229\" height=\"170\" loading=\"lazy\" data-original-width=\"229\" data-original-height=\"170\" itemprop=\"http:\/\/schema.org\/image\" title=\"Capture d\u2019\u00e9cran, le 2023-09-08 \u00e0 10.02.29\" alt=\"Capture d\u2019\u00e9cran, le 2023-09-08 \u00e0 10.02.29\" style=\"width: 229px; height: 170px;\" \/> <\/a> <\/div> <\/div> <!-- close group --> <\/div> <!-- close row --> <div class=\"gallery-row\" style=\"width: 700px; height: 175px;\" data-original-width=\"700\" data-original-height=\"175\" > <div class=\"gallery-group images-1\" style=\"width: 234px; height: 175px;\" data-original-width=\"234\" data-original-height=\"175\" > <div class=\"tiled-gallery-item tiled-gallery-item-small\" itemprop=\"associatedMedia\" itemscope itemtype=\"http:\/\/schema.org\/ImageObject\"> <a href=\"https:\/\/itayachtscanada.com\/fr\/listing\/azimut-s7-2018-2100000-usd-for-sale\/capture-decran-le-2023-09-08-a-10-01-34\/\" border=\"0\" itemprop=\"url\"> <meta itemprop=\"width\" content=\"230\"> <meta itemprop=\"height\" content=\"171\"> <img decoding=\"async\" class=\"\" data-attachment-id=\"132437\" data-orig-file=\"https:\/\/itayachtscanada.com\/wp-content\/uploads\/2023\/09\/Capture-decran-le-2023-09-08-a-10.01.34.png\" data-orig-size=\"980,730\" data-comments-opened=\"1\" data-image-meta=\"{&quot;aperture&quot;:&quot;0&quot;,&quot;credit&quot;:&quot;&quot;,&quot;camera&quot;:&quot;&quot;,&quot;caption&quot;:&quot;&quot;,&quot;created_timestamp&quot;:&quot;0&quot;,&quot;copyright&quot;:&quot;&quot;,&quot;focal_length&quot;:&quot;0&quot;,&quot;iso&quot;:&quot;0&quot;,&quot;shutter_speed&quot;:&quot;0&quot;,&quot;title&quot;:&quot;&quot;,&quot;orientation&quot;:&quot;0&quot;}\" data-image-title=\"Capture d\u2019\u00e9cran, le 2023-09-08 \u00e0 10.01.34\" data-image-description=\"\" data-medium-file=\"https:\/\/i0.wp.com\/itayachtscanada.com\/wp-content\/uploads\/2023\/09\/Capture-decran-le-2023-09-08-a-10.01.34.png?fit=300%2C223&#038;ssl=1\" data-large-file=\"https:\/\/i0.wp.com\/itayachtscanada.com\/wp-content\/uploads\/2023\/09\/Capture-decran-le-2023-09-08-a-10.01.34.png?fit=700%2C521&#038;ssl=1\" src=\"https:\/\/i0.wp.com\/itayachtscanada.com\/wp-content\/uploads\/2023\/09\/Capture-decran-le-2023-09-08-a-10.01.34.png?w=230&#038;h=171&#038;ssl=1\" srcset=\"https:\/\/i0.wp.com\/itayachtscanada.com\/wp-content\/uploads\/2023\/09\/Capture-decran-le-2023-09-08-a-10.01.34.png?w=980&amp;ssl=1 980w, https:\/\/i0.wp.com\/itayachtscanada.com\/wp-content\/uploads\/2023\/09\/Capture-decran-le-2023-09-08-a-10.01.34.png?resize=300%2C223&amp;ssl=1 300w, https:\/\/i0.wp.com\/itayachtscanada.com\/wp-content\/uploads\/2023\/09\/Capture-decran-le-2023-09-08-a-10.01.34.png?resize=768%2C572&amp;ssl=1 768w, https:\/\/i0.wp.com\/itayachtscanada.com\/wp-content\/uploads\/2023\/09\/Capture-decran-le-2023-09-08-a-10.01.34.png?resize=200%2C150&amp;ssl=1 200w, https:\/\/i0.wp.com\/itayachtscanada.com\/wp-content\/uploads\/2023\/09\/Capture-decran-le-2023-09-08-a-10.01.34.png?resize=700%2C521&amp;ssl=1 700w, https:\/\/i0.wp.com\/itayachtscanada.com\/wp-content\/uploads\/2023\/09\/Capture-decran-le-2023-09-08-a-10.01.34.png?resize=537%2C400&amp;ssl=1 537w\" width=\"230\" height=\"171\" loading=\"lazy\" data-original-width=\"230\" data-original-height=\"171\" itemprop=\"http:\/\/schema.org\/image\" title=\"Capture d\u2019\u00e9cran, le 2023-09-08 \u00e0 10.01.34\" alt=\"Capture d\u2019\u00e9cran, le 2023-09-08 \u00e0 10.01.34\" style=\"width: 230px; height: 171px;\" \/> <\/a> <\/div> <\/div> <!-- close group --> <div class=\"gallery-group images-1\" style=\"width: 233px; height: 175px;\" data-original-width=\"233\" data-original-height=\"175\" > <div class=\"tiled-gallery-item tiled-gallery-item-small\" itemprop=\"associatedMedia\" itemscope itemtype=\"http:\/\/schema.org\/ImageObject\"> <a href=\"https:\/\/itayachtscanada.com\/fr\/listing\/azimut-s7-2018-2100000-usd-for-sale\/capture-decran-le-2023-09-08-a-10-02-21\/\" border=\"0\" itemprop=\"url\"> <meta itemprop=\"width\" content=\"229\"> <meta itemprop=\"height\" content=\"171\"> <img decoding=\"async\" class=\"\" data-attachment-id=\"132421\" data-orig-file=\"https:\/\/itayachtscanada.com\/wp-content\/uploads\/2023\/09\/Capture-decran-le-2023-09-08-a-10.02.21.png\" data-orig-size=\"980,730\" data-comments-opened=\"1\" data-image-meta=\"{&quot;aperture&quot;:&quot;0&quot;,&quot;credit&quot;:&quot;&quot;,&quot;camera&quot;:&quot;&quot;,&quot;caption&quot;:&quot;&quot;,&quot;created_timestamp&quot;:&quot;0&quot;,&quot;copyright&quot;:&quot;&quot;,&quot;focal_length&quot;:&quot;0&quot;,&quot;iso&quot;:&quot;0&quot;,&quot;shutter_speed&quot;:&quot;0&quot;,&quot;title&quot;:&quot;&quot;,&quot;orientation&quot;:&quot;0&quot;}\" data-image-title=\"Capture d\u2019\u00e9cran, le 2023-09-08 \u00e0 10.02.21\" data-image-description=\"\" data-medium-file=\"https:\/\/i0.wp.com\/itayachtscanada.com\/wp-content\/uploads\/2023\/09\/Capture-decran-le-2023-09-08-a-10.02.21.png?fit=300%2C223&#038;ssl=1\" data-large-file=\"https:\/\/i0.wp.com\/itayachtscanada.com\/wp-content\/uploads\/2023\/09\/Capture-decran-le-2023-09-08-a-10.02.21.png?fit=700%2C521&#038;ssl=1\" src=\"https:\/\/i0.wp.com\/itayachtscanada.com\/wp-content\/uploads\/2023\/09\/Capture-decran-le-2023-09-08-a-10.02.21.png?w=229&#038;h=171&#038;ssl=1\" srcset=\"https:\/\/i0.wp.com\/itayachtscanada.com\/wp-content\/uploads\/2023\/09\/Capture-decran-le-2023-09-08-a-10.02.21.png?w=980&amp;ssl=1 980w, https:\/\/i0.wp.com\/itayachtscanada.com\/wp-content\/uploads\/2023\/09\/Capture-decran-le-2023-09-08-a-10.02.21.png?resize=300%2C223&amp;ssl=1 300w, https:\/\/i0.wp.com\/itayachtscanada.com\/wp-content\/uploads\/2023\/09\/Capture-decran-le-2023-09-08-a-10.02.21.png?resize=768%2C572&amp;ssl=1 768w, https:\/\/i0.wp.com\/itayachtscanada.com\/wp-content\/uploads\/2023\/09\/Capture-decran-le-2023-09-08-a-10.02.21.png?resize=800%2C600&amp;ssl=1 800w, https:\/\/i0.wp.com\/itayachtscanada.com\/wp-content\/uploads\/2023\/09\/Capture-decran-le-2023-09-08-a-10.02.21.png?resize=400%2C300&amp;ssl=1 400w, https:\/\/i0.wp.com\/itayachtscanada.com\/wp-content\/uploads\/2023\/09\/Capture-decran-le-2023-09-08-a-10.02.21.png?resize=200%2C150&amp;ssl=1 200w, https:\/\/i0.wp.com\/itayachtscanada.com\/wp-content\/uploads\/2023\/09\/Capture-decran-le-2023-09-08-a-10.02.21.png?resize=700%2C521&amp;ssl=1 700w, https:\/\/i0.wp.com\/itayachtscanada.com\/wp-content\/uploads\/2023\/09\/Capture-decran-le-2023-09-08-a-10.02.21.png?resize=537%2C400&amp;ssl=1 537w\" width=\"229\" height=\"171\" loading=\"lazy\" data-original-width=\"229\" data-original-height=\"171\" itemprop=\"http:\/\/schema.org\/image\" title=\"Capture d\u2019\u00e9cran, le 2023-09-08 \u00e0 10.02.21\" alt=\"Capture d\u2019\u00e9cran, le 2023-09-08 \u00e0 10.02.21\" style=\"width: 229px; height: 171px;\" \/> <\/a> <\/div> <\/div> <!-- close group --> <div class=\"gallery-group images-1\" style=\"width: 233px; height: 175px;\" data-original-width=\"233\" data-original-height=\"175\" > <div class=\"tiled-gallery-item tiled-gallery-item-small\" itemprop=\"associatedMedia\" itemscope itemtype=\"http:\/\/schema.org\/ImageObject\"> <a href=\"https:\/\/itayachtscanada.com\/fr\/listing\/azimut-s7-2018-2100000-usd-for-sale\/capture-decran-le-2023-09-08-a-10-02-16\/\" border=\"0\" itemprop=\"url\"> <meta itemprop=\"width\" content=\"229\"> <meta itemprop=\"height\" content=\"171\"> <img decoding=\"async\" class=\"\" data-attachment-id=\"132423\" data-orig-file=\"https:\/\/itayachtscanada.com\/wp-content\/uploads\/2023\/09\/Capture-decran-le-2023-09-08-a-10.02.16.png\" data-orig-size=\"980,730\" data-comments-opened=\"1\" data-image-meta=\"{&quot;aperture&quot;:&quot;0&quot;,&quot;credit&quot;:&quot;&quot;,&quot;camera&quot;:&quot;&quot;,&quot;caption&quot;:&quot;&quot;,&quot;created_timestamp&quot;:&quot;0&quot;,&quot;copyright&quot;:&quot;&quot;,&quot;focal_length&quot;:&quot;0&quot;,&quot;iso&quot;:&quot;0&quot;,&quot;shutter_speed&quot;:&quot;0&quot;,&quot;title&quot;:&quot;&quot;,&quot;orientation&quot;:&quot;0&quot;}\" data-image-title=\"Capture d\u2019\u00e9cran, le 2023-09-08 \u00e0 10.02.16\" data-image-description=\"\" data-medium-file=\"https:\/\/i0.wp.com\/itayachtscanada.com\/wp-content\/uploads\/2023\/09\/Capture-decran-le-2023-09-08-a-10.02.16.png?fit=300%2C223&#038;ssl=1\" data-large-file=\"https:\/\/i0.wp.com\/itayachtscanada.com\/wp-content\/uploads\/2023\/09\/Capture-decran-le-2023-09-08-a-10.02.16.png?fit=700%2C521&#038;ssl=1\" src=\"https:\/\/i0.wp.com\/itayachtscanada.com\/wp-content\/uploads\/2023\/09\/Capture-decran-le-2023-09-08-a-10.02.16.png?w=229&#038;h=171&#038;ssl=1\" srcset=\"https:\/\/i0.wp.com\/itayachtscanada.com\/wp-content\/uploads\/2023\/09\/Capture-decran-le-2023-09-08-a-10.02.16.png?w=980&amp;ssl=1 980w, https:\/\/i0.wp.com\/itayachtscanada.com\/wp-content\/uploads\/2023\/09\/Capture-decran-le-2023-09-08-a-10.02.16.png?resize=300%2C223&amp;ssl=1 300w, https:\/\/i0.wp.com\/itayachtscanada.com\/wp-content\/uploads\/2023\/09\/Capture-decran-le-2023-09-08-a-10.02.16.png?resize=768%2C572&amp;ssl=1 768w, https:\/\/i0.wp.com\/itayachtscanada.com\/wp-content\/uploads\/2023\/09\/Capture-decran-le-2023-09-08-a-10.02.16.png?resize=800%2C600&amp;ssl=1 800w, https:\/\/i0.wp.com\/itayachtscanada.com\/wp-content\/uploads\/2023\/09\/Capture-decran-le-2023-09-08-a-10.02.16.png?resize=400%2C300&amp;ssl=1 400w, https:\/\/i0.wp.com\/itayachtscanada.com\/wp-content\/uploads\/2023\/09\/Capture-decran-le-2023-09-08-a-10.02.16.png?resize=200%2C150&amp;ssl=1 200w, https:\/\/i0.wp.com\/itayachtscanada.com\/wp-content\/uploads\/2023\/09\/Capture-decran-le-2023-09-08-a-10.02.16.png?resize=700%2C521&amp;ssl=1 700w, https:\/\/i0.wp.com\/itayachtscanada.com\/wp-content\/uploads\/2023\/09\/Capture-decran-le-2023-09-08-a-10.02.16.png?resize=537%2C400&amp;ssl=1 537w\" width=\"229\" height=\"171\" loading=\"lazy\" data-original-width=\"229\" data-original-height=\"171\" itemprop=\"http:\/\/schema.org\/image\" title=\"Capture d\u2019\u00e9cran, le 2023-09-08 \u00e0 10.02.16\" alt=\"Capture d\u2019\u00e9cran, le 2023-09-08 \u00e0 10.02.16\" style=\"width: 229px; height: 171px;\" \/> <\/a> <\/div> <\/div> <!-- close group --> <\/div> <!-- close row --> <div class=\"gallery-row\" style=\"width: 700px; height: 312px;\" data-original-width=\"700\" data-original-height=\"312\" > <div class=\"gallery-group images-2\" style=\"width: 233px; height: 312px;\" data-original-width=\"233\" data-original-height=\"312\" > <div class=\"tiled-gallery-item tiled-gallery-item-small\" itemprop=\"associatedMedia\" itemscope itemtype=\"http:\/\/schema.org\/ImageObject\"> <a href=\"https:\/\/itayachtscanada.com\/fr\/listing\/azimut-s7-2018-2100000-usd-for-sale\/capture-decran-le-2023-09-08-a-10-03-01\/\" border=\"0\" itemprop=\"url\"> <meta itemprop=\"width\" content=\"229\"> <meta itemprop=\"height\" content=\"152\"> <img decoding=\"async\" class=\"\" data-attachment-id=\"132412\" data-orig-file=\"https:\/\/itayachtscanada.com\/wp-content\/uploads\/2023\/09\/Capture-decran-le-2023-09-08-a-10.03.01.png\" data-orig-size=\"1098,730\" data-comments-opened=\"1\" data-image-meta=\"{&quot;aperture&quot;:&quot;0&quot;,&quot;credit&quot;:&quot;&quot;,&quot;camera&quot;:&quot;&quot;,&quot;caption&quot;:&quot;&quot;,&quot;created_timestamp&quot;:&quot;0&quot;,&quot;copyright&quot;:&quot;&quot;,&quot;focal_length&quot;:&quot;0&quot;,&quot;iso&quot;:&quot;0&quot;,&quot;shutter_speed&quot;:&quot;0&quot;,&quot;title&quot;:&quot;&quot;,&quot;orientation&quot;:&quot;0&quot;}\" data-image-title=\"Capture d\u2019\u00e9cran, le 2023-09-08 \u00e0 10.03.01\" data-image-description=\"\" data-medium-file=\"https:\/\/i0.wp.com\/itayachtscanada.com\/wp-content\/uploads\/2023\/09\/Capture-decran-le-2023-09-08-a-10.03.01.png?fit=300%2C199&#038;ssl=1\" data-large-file=\"https:\/\/i0.wp.com\/itayachtscanada.com\/wp-content\/uploads\/2023\/09\/Capture-decran-le-2023-09-08-a-10.03.01.png?fit=700%2C466&#038;ssl=1\" src=\"https:\/\/i0.wp.com\/itayachtscanada.com\/wp-content\/uploads\/2023\/09\/Capture-decran-le-2023-09-08-a-10.03.01.png?w=229&#038;h=152&#038;ssl=1\" srcset=\"https:\/\/i0.wp.com\/itayachtscanada.com\/wp-content\/uploads\/2023\/09\/Capture-decran-le-2023-09-08-a-10.03.01.png?w=1098&amp;ssl=1 1098w, https:\/\/i0.wp.com\/itayachtscanada.com\/wp-content\/uploads\/2023\/09\/Capture-decran-le-2023-09-08-a-10.03.01.png?resize=300%2C199&amp;ssl=1 300w, https:\/\/i0.wp.com\/itayachtscanada.com\/wp-content\/uploads\/2023\/09\/Capture-decran-le-2023-09-08-a-10.03.01.png?resize=1024%2C681&amp;ssl=1 1024w, https:\/\/i0.wp.com\/itayachtscanada.com\/wp-content\/uploads\/2023\/09\/Capture-decran-le-2023-09-08-a-10.03.01.png?resize=768%2C511&amp;ssl=1 768w, https:\/\/i0.wp.com\/itayachtscanada.com\/wp-content\/uploads\/2023\/09\/Capture-decran-le-2023-09-08-a-10.03.01.png?resize=700%2C465&amp;ssl=1 700w, https:\/\/i0.wp.com\/itayachtscanada.com\/wp-content\/uploads\/2023\/09\/Capture-decran-le-2023-09-08-a-10.03.01.png?resize=900%2C600&amp;ssl=1 900w, https:\/\/i0.wp.com\/itayachtscanada.com\/wp-content\/uploads\/2023\/09\/Capture-decran-le-2023-09-08-a-10.03.01.png?resize=602%2C400&amp;ssl=1 602w\" width=\"229\" height=\"152\" loading=\"lazy\" data-original-width=\"229\" data-original-height=\"152\" itemprop=\"http:\/\/schema.org\/image\" title=\"Capture d\u2019\u00e9cran, le 2023-09-08 \u00e0 10.03.01\" alt=\"Capture d\u2019\u00e9cran, le 2023-09-08 \u00e0 10.03.01\" style=\"width: 229px; height: 152px;\" \/> <\/a> <\/div> <div class=\"tiled-gallery-item tiled-gallery-item-small\" itemprop=\"associatedMedia\" itemscope itemtype=\"http:\/\/schema.org\/ImageObject\"> <a href=\"https:\/\/itayachtscanada.com\/fr\/listing\/azimut-s7-2018-2100000-usd-for-sale\/capture-decran-le-2023-09-08-a-10-03-17\/\" border=\"0\" itemprop=\"url\"> <meta itemprop=\"width\" content=\"229\"> <meta itemprop=\"height\" content=\"152\"> <img decoding=\"async\" class=\"\" data-attachment-id=\"132406\" data-orig-file=\"https:\/\/itayachtscanada.com\/wp-content\/uploads\/2023\/09\/Capture-decran-le-2023-09-08-a-10.03.17.png\" data-orig-size=\"1098,730\" data-comments-opened=\"1\" data-image-meta=\"{&quot;aperture&quot;:&quot;0&quot;,&quot;credit&quot;:&quot;&quot;,&quot;camera&quot;:&quot;&quot;,&quot;caption&quot;:&quot;&quot;,&quot;created_timestamp&quot;:&quot;0&quot;,&quot;copyright&quot;:&quot;&quot;,&quot;focal_length&quot;:&quot;0&quot;,&quot;iso&quot;:&quot;0&quot;,&quot;shutter_speed&quot;:&quot;0&quot;,&quot;title&quot;:&quot;&quot;,&quot;orientation&quot;:&quot;0&quot;}\" data-image-title=\"Capture d\u2019\u00e9cran, le 2023-09-08 \u00e0 10.03.17\" data-image-description=\"\" data-medium-file=\"https:\/\/i0.wp.com\/itayachtscanada.com\/wp-content\/uploads\/2023\/09\/Capture-decran-le-2023-09-08-a-10.03.17.png?fit=300%2C199&#038;ssl=1\" data-large-file=\"https:\/\/i0.wp.com\/itayachtscanada.com\/wp-content\/uploads\/2023\/09\/Capture-decran-le-2023-09-08-a-10.03.17.png?fit=700%2C466&#038;ssl=1\" src=\"https:\/\/i0.wp.com\/itayachtscanada.com\/wp-content\/uploads\/2023\/09\/Capture-decran-le-2023-09-08-a-10.03.17.png?w=229&#038;h=152&#038;ssl=1\" srcset=\"https:\/\/i0.wp.com\/itayachtscanada.com\/wp-content\/uploads\/2023\/09\/Capture-decran-le-2023-09-08-a-10.03.17.png?w=1098&amp;ssl=1 1098w, https:\/\/i0.wp.com\/itayachtscanada.com\/wp-content\/uploads\/2023\/09\/Capture-decran-le-2023-09-08-a-10.03.17.png?resize=300%2C199&amp;ssl=1 300w, https:\/\/i0.wp.com\/itayachtscanada.com\/wp-content\/uploads\/2023\/09\/Capture-decran-le-2023-09-08-a-10.03.17.png?resize=1024%2C681&amp;ssl=1 1024w, https:\/\/i0.wp.com\/itayachtscanada.com\/wp-content\/uploads\/2023\/09\/Capture-decran-le-2023-09-08-a-10.03.17.png?resize=768%2C511&amp;ssl=1 768w, https:\/\/i0.wp.com\/itayachtscanada.com\/wp-content\/uploads\/2023\/09\/Capture-decran-le-2023-09-08-a-10.03.17.png?resize=700%2C465&amp;ssl=1 700w, https:\/\/i0.wp.com\/itayachtscanada.com\/wp-content\/uploads\/2023\/09\/Capture-decran-le-2023-09-08-a-10.03.17.png?resize=900%2C600&amp;ssl=1 900w, https:\/\/i0.wp.com\/itayachtscanada.com\/wp-content\/uploads\/2023\/09\/Capture-decran-le-2023-09-08-a-10.03.17.png?resize=602%2C400&amp;ssl=1 602w\" width=\"229\" height=\"152\" loading=\"lazy\" data-original-width=\"229\" data-original-height=\"152\" itemprop=\"http:\/\/schema.org\/image\" title=\"Capture d\u2019\u00e9cran, le 2023-09-08 \u00e0 10.03.17\" alt=\"Capture d\u2019\u00e9cran, le 2023-09-08 \u00e0 10.03.17\" style=\"width: 229px; height: 152px;\" \/> <\/a> <\/div> <\/div> <!-- close group --> <div class=\"gallery-group images-1\" style=\"width: 467px; height: 312px;\" data-original-width=\"467\" data-original-height=\"312\" > <div class=\"tiled-gallery-item tiled-gallery-item-large\" itemprop=\"associatedMedia\" itemscope itemtype=\"http:\/\/schema.org\/ImageObject\"> <a href=\"https:\/\/itayachtscanada.com\/fr\/listing\/azimut-s7-2018-2100000-usd-for-sale\/capture-decran-le-2023-09-08-a-10-03-12\/\" border=\"0\" itemprop=\"url\"> <meta itemprop=\"width\" content=\"463\"> <meta itemprop=\"height\" content=\"308\"> <img decoding=\"async\" class=\"\" data-attachment-id=\"132408\" data-orig-file=\"https:\/\/itayachtscanada.com\/wp-content\/uploads\/2023\/09\/Capture-decran-le-2023-09-08-a-10.03.12.png\" data-orig-size=\"1098,730\" data-comments-opened=\"1\" data-image-meta=\"{&quot;aperture&quot;:&quot;0&quot;,&quot;credit&quot;:&quot;&quot;,&quot;camera&quot;:&quot;&quot;,&quot;caption&quot;:&quot;&quot;,&quot;created_timestamp&quot;:&quot;0&quot;,&quot;copyright&quot;:&quot;&quot;,&quot;focal_length&quot;:&quot;0&quot;,&quot;iso&quot;:&quot;0&quot;,&quot;shutter_speed&quot;:&quot;0&quot;,&quot;title&quot;:&quot;&quot;,&quot;orientation&quot;:&quot;0&quot;}\" data-image-title=\"Capture d\u2019\u00e9cran, le 2023-09-08 \u00e0 10.03.12\" data-image-description=\"\" data-medium-file=\"https:\/\/i0.wp.com\/itayachtscanada.com\/wp-content\/uploads\/2023\/09\/Capture-decran-le-2023-09-08-a-10.03.12.png?fit=300%2C199&#038;ssl=1\" data-large-file=\"https:\/\/i0.wp.com\/itayachtscanada.com\/wp-content\/uploads\/2023\/09\/Capture-decran-le-2023-09-08-a-10.03.12.png?fit=700%2C466&#038;ssl=1\" src=\"https:\/\/i0.wp.com\/itayachtscanada.com\/wp-content\/uploads\/2023\/09\/Capture-decran-le-2023-09-08-a-10.03.12.png?w=463&#038;h=308&#038;ssl=1\" srcset=\"https:\/\/i0.wp.com\/itayachtscanada.com\/wp-content\/uploads\/2023\/09\/Capture-decran-le-2023-09-08-a-10.03.12.png?w=1098&amp;ssl=1 1098w, https:\/\/i0.wp.com\/itayachtscanada.com\/wp-content\/uploads\/2023\/09\/Capture-decran-le-2023-09-08-a-10.03.12.png?resize=300%2C199&amp;ssl=1 300w, https:\/\/i0.wp.com\/itayachtscanada.com\/wp-content\/uploads\/2023\/09\/Capture-decran-le-2023-09-08-a-10.03.12.png?resize=1024%2C681&amp;ssl=1 1024w, https:\/\/i0.wp.com\/itayachtscanada.com\/wp-content\/uploads\/2023\/09\/Capture-decran-le-2023-09-08-a-10.03.12.png?resize=768%2C511&amp;ssl=1 768w, https:\/\/i0.wp.com\/itayachtscanada.com\/wp-content\/uploads\/2023\/09\/Capture-decran-le-2023-09-08-a-10.03.12.png?resize=700%2C465&amp;ssl=1 700w, https:\/\/i0.wp.com\/itayachtscanada.com\/wp-content\/uploads\/2023\/09\/Capture-decran-le-2023-09-08-a-10.03.12.png?resize=900%2C600&amp;ssl=1 900w, https:\/\/i0.wp.com\/itayachtscanada.com\/wp-content\/uploads\/2023\/09\/Capture-decran-le-2023-09-08-a-10.03.12.png?resize=602%2C400&amp;ssl=1 602w\" width=\"463\" height=\"308\" loading=\"lazy\" data-original-width=\"463\" data-original-height=\"308\" itemprop=\"http:\/\/schema.org\/image\" title=\"Capture d\u2019\u00e9cran, le 2023-09-08 \u00e0 10.03.12\" alt=\"Capture d\u2019\u00e9cran, le 2023-09-08 \u00e0 10.03.12\" style=\"width: 463px; height: 308px;\" \/> <\/a> <\/div> <\/div> <!-- close group --> <\/div> <!-- close row --> <div class=\"gallery-row\" style=\"width: 700px; height: 234px;\" data-original-width=\"700\" data-original-height=\"234\" > <div class=\"gallery-group images-1\" style=\"width: 350px; height: 234px;\" data-original-width=\"350\" data-original-height=\"234\" > <div class=\"tiled-gallery-item tiled-gallery-item-large\" itemprop=\"associatedMedia\" itemscope itemtype=\"http:\/\/schema.org\/ImageObject\"> <a href=\"https:\/\/itayachtscanada.com\/fr\/listing\/azimut-s7-2018-2100000-usd-for-sale\/capture-decran-le-2023-09-08-a-10-03-14\/\" border=\"0\" itemprop=\"url\"> <meta itemprop=\"width\" content=\"346\"> <meta itemprop=\"height\" content=\"230\"> <img decoding=\"async\" class=\"\" data-attachment-id=\"132407\" data-orig-file=\"https:\/\/itayachtscanada.com\/wp-content\/uploads\/2023\/09\/Capture-decran-le-2023-09-08-a-10.03.14.png\" data-orig-size=\"1098,730\" data-comments-opened=\"1\" data-image-meta=\"{&quot;aperture&quot;:&quot;0&quot;,&quot;credit&quot;:&quot;&quot;,&quot;camera&quot;:&quot;&quot;,&quot;caption&quot;:&quot;&quot;,&quot;created_timestamp&quot;:&quot;0&quot;,&quot;copyright&quot;:&quot;&quot;,&quot;focal_length&quot;:&quot;0&quot;,&quot;iso&quot;:&quot;0&quot;,&quot;shutter_speed&quot;:&quot;0&quot;,&quot;title&quot;:&quot;&quot;,&quot;orientation&quot;:&quot;0&quot;}\" data-image-title=\"Capture d\u2019\u00e9cran, le 2023-09-08 \u00e0 10.03.14\" data-image-description=\"\" data-medium-file=\"https:\/\/i0.wp.com\/itayachtscanada.com\/wp-content\/uploads\/2023\/09\/Capture-decran-le-2023-09-08-a-10.03.14.png?fit=300%2C199&#038;ssl=1\" data-large-file=\"https:\/\/i0.wp.com\/itayachtscanada.com\/wp-content\/uploads\/2023\/09\/Capture-decran-le-2023-09-08-a-10.03.14.png?fit=700%2C466&#038;ssl=1\" src=\"https:\/\/i0.wp.com\/itayachtscanada.com\/wp-content\/uploads\/2023\/09\/Capture-decran-le-2023-09-08-a-10.03.14.png?w=346&#038;h=230&#038;ssl=1\" srcset=\"https:\/\/i0.wp.com\/itayachtscanada.com\/wp-content\/uploads\/2023\/09\/Capture-decran-le-2023-09-08-a-10.03.14.png?w=1098&amp;ssl=1 1098w, https:\/\/i0.wp.com\/itayachtscanada.com\/wp-content\/uploads\/2023\/09\/Capture-decran-le-2023-09-08-a-10.03.14.png?resize=300%2C199&amp;ssl=1 300w, https:\/\/i0.wp.com\/itayachtscanada.com\/wp-content\/uploads\/2023\/09\/Capture-decran-le-2023-09-08-a-10.03.14.png?resize=1024%2C681&amp;ssl=1 1024w, https:\/\/i0.wp.com\/itayachtscanada.com\/wp-content\/uploads\/2023\/09\/Capture-decran-le-2023-09-08-a-10.03.14.png?resize=768%2C511&amp;ssl=1 768w, https:\/\/i0.wp.com\/itayachtscanada.com\/wp-content\/uploads\/2023\/09\/Capture-decran-le-2023-09-08-a-10.03.14.png?resize=700%2C465&amp;ssl=1 700w, https:\/\/i0.wp.com\/itayachtscanada.com\/wp-content\/uploads\/2023\/09\/Capture-decran-le-2023-09-08-a-10.03.14.png?resize=900%2C600&amp;ssl=1 900w, https:\/\/i0.wp.com\/itayachtscanada.com\/wp-content\/uploads\/2023\/09\/Capture-decran-le-2023-09-08-a-10.03.14.png?resize=602%2C400&amp;ssl=1 602w\" width=\"346\" height=\"230\" loading=\"lazy\" data-original-width=\"346\" data-original-height=\"230\" itemprop=\"http:\/\/schema.org\/image\" title=\"Capture d\u2019\u00e9cran, le 2023-09-08 \u00e0 10.03.14\" alt=\"Capture d\u2019\u00e9cran, le 2023-09-08 \u00e0 10.03.14\" style=\"width: 346px; height: 230px;\" \/> <\/a> <\/div> <\/div> <!-- close group --> <div class=\"gallery-group images-1\" style=\"width: 350px; height: 234px;\" data-original-width=\"350\" data-original-height=\"234\" > <div class=\"tiled-gallery-item tiled-gallery-item-large\" itemprop=\"associatedMedia\" itemscope itemtype=\"http:\/\/schema.org\/ImageObject\"> <a href=\"https:\/\/itayachtscanada.com\/fr\/listing\/azimut-s7-2018-2100000-usd-for-sale\/capture-decran-le-2023-09-08-a-10-03-09\/\" border=\"0\" itemprop=\"url\"> <meta itemprop=\"width\" content=\"346\"> <meta itemprop=\"height\" content=\"230\"> <img decoding=\"async\" class=\"\" data-attachment-id=\"132409\" data-orig-file=\"https:\/\/itayachtscanada.com\/wp-content\/uploads\/2023\/09\/Capture-decran-le-2023-09-08-a-10.03.09.png\" data-orig-size=\"1098,730\" data-comments-opened=\"1\" data-image-meta=\"{&quot;aperture&quot;:&quot;0&quot;,&quot;credit&quot;:&quot;&quot;,&quot;camera&quot;:&quot;&quot;,&quot;caption&quot;:&quot;&quot;,&quot;created_timestamp&quot;:&quot;0&quot;,&quot;copyright&quot;:&quot;&quot;,&quot;focal_length&quot;:&quot;0&quot;,&quot;iso&quot;:&quot;0&quot;,&quot;shutter_speed&quot;:&quot;0&quot;,&quot;title&quot;:&quot;&quot;,&quot;orientation&quot;:&quot;0&quot;}\" data-image-title=\"Capture d\u2019\u00e9cran, le 2023-09-08 \u00e0 10.03.09\" data-image-description=\"\" data-medium-file=\"https:\/\/i0.wp.com\/itayachtscanada.com\/wp-content\/uploads\/2023\/09\/Capture-decran-le-2023-09-08-a-10.03.09.png?fit=300%2C199&#038;ssl=1\" data-large-file=\"https:\/\/i0.wp.com\/itayachtscanada.com\/wp-content\/uploads\/2023\/09\/Capture-decran-le-2023-09-08-a-10.03.09.png?fit=700%2C466&#038;ssl=1\" src=\"https:\/\/i0.wp.com\/itayachtscanada.com\/wp-content\/uploads\/2023\/09\/Capture-decran-le-2023-09-08-a-10.03.09.png?w=346&#038;h=230&#038;ssl=1\" srcset=\"https:\/\/i0.wp.com\/itayachtscanada.com\/wp-content\/uploads\/2023\/09\/Capture-decran-le-2023-09-08-a-10.03.09.png?w=1098&amp;ssl=1 1098w, https:\/\/i0.wp.com\/itayachtscanada.com\/wp-content\/uploads\/2023\/09\/Capture-decran-le-2023-09-08-a-10.03.09.png?resize=300%2C199&amp;ssl=1 300w, https:\/\/i0.wp.com\/itayachtscanada.com\/wp-content\/uploads\/2023\/09\/Capture-decran-le-2023-09-08-a-10.03.09.png?resize=1024%2C681&amp;ssl=1 1024w, https:\/\/i0.wp.com\/itayachtscanada.com\/wp-content\/uploads\/2023\/09\/Capture-decran-le-2023-09-08-a-10.03.09.png?resize=768%2C511&amp;ssl=1 768w, https:\/\/i0.wp.com\/itayachtscanada.com\/wp-content\/uploads\/2023\/09\/Capture-decran-le-2023-09-08-a-10.03.09.png?resize=700%2C465&amp;ssl=1 700w, https:\/\/i0.wp.com\/itayachtscanada.com\/wp-content\/uploads\/2023\/09\/Capture-decran-le-2023-09-08-a-10.03.09.png?resize=900%2C600&amp;ssl=1 900w, https:\/\/i0.wp.com\/itayachtscanada.com\/wp-content\/uploads\/2023\/09\/Capture-decran-le-2023-09-08-a-10.03.09.png?resize=602%2C400&amp;ssl=1 602w\" width=\"346\" height=\"230\" loading=\"lazy\" data-original-width=\"346\" data-original-height=\"230\" itemprop=\"http:\/\/schema.org\/image\" title=\"Capture d\u2019\u00e9cran, le 2023-09-08 \u00e0 10.03.09\" alt=\"Capture d\u2019\u00e9cran, le 2023-09-08 \u00e0 10.03.09\" style=\"width: 346px; height: 230px;\" \/> <\/a> <\/div> <\/div> <!-- close group --> <\/div> <!-- close row --> <div class=\"gallery-row\" style=\"width: 700px; height: 312px;\" data-original-width=\"700\" data-original-height=\"312\" > <div class=\"gallery-group images-1\" style=\"width: 467px; height: 312px;\" data-original-width=\"467\" data-original-height=\"312\" > <div class=\"tiled-gallery-item tiled-gallery-item-large\" itemprop=\"associatedMedia\" itemscope itemtype=\"http:\/\/schema.org\/ImageObject\"> <a href=\"https:\/\/itayachtscanada.com\/fr\/listing\/azimut-s7-2018-2100000-usd-for-sale\/capture-decran-le-2023-09-08-a-10-03-06\/\" border=\"0\" itemprop=\"url\"> <meta itemprop=\"width\" content=\"463\"> <meta itemprop=\"height\" content=\"308\"> <img decoding=\"async\" class=\"\" data-attachment-id=\"132410\" data-orig-file=\"https:\/\/itayachtscanada.com\/wp-content\/uploads\/2023\/09\/Capture-decran-le-2023-09-08-a-10.03.06.png\" data-orig-size=\"1098,730\" data-comments-opened=\"1\" data-image-meta=\"{&quot;aperture&quot;:&quot;0&quot;,&quot;credit&quot;:&quot;&quot;,&quot;camera&quot;:&quot;&quot;,&quot;caption&quot;:&quot;&quot;,&quot;created_timestamp&quot;:&quot;0&quot;,&quot;copyright&quot;:&quot;&quot;,&quot;focal_length&quot;:&quot;0&quot;,&quot;iso&quot;:&quot;0&quot;,&quot;shutter_speed&quot;:&quot;0&quot;,&quot;title&quot;:&quot;&quot;,&quot;orientation&quot;:&quot;0&quot;}\" data-image-title=\"Capture d\u2019\u00e9cran, le 2023-09-08 \u00e0 10.03.06\" data-image-description=\"\" data-medium-file=\"https:\/\/i0.wp.com\/itayachtscanada.com\/wp-content\/uploads\/2023\/09\/Capture-decran-le-2023-09-08-a-10.03.06.png?fit=300%2C199&#038;ssl=1\" data-large-file=\"https:\/\/i0.wp.com\/itayachtscanada.com\/wp-content\/uploads\/2023\/09\/Capture-decran-le-2023-09-08-a-10.03.06.png?fit=700%2C466&#038;ssl=1\" src=\"https:\/\/i0.wp.com\/itayachtscanada.com\/wp-content\/uploads\/2023\/09\/Capture-decran-le-2023-09-08-a-10.03.06.png?w=463&#038;h=308&#038;ssl=1\" srcset=\"https:\/\/i0.wp.com\/itayachtscanada.com\/wp-content\/uploads\/2023\/09\/Capture-decran-le-2023-09-08-a-10.03.06.png?w=1098&amp;ssl=1 1098w, https:\/\/i0.wp.com\/itayachtscanada.com\/wp-content\/uploads\/2023\/09\/Capture-decran-le-2023-09-08-a-10.03.06.png?resize=300%2C199&amp;ssl=1 300w, https:\/\/i0.wp.com\/itayachtscanada.com\/wp-content\/uploads\/2023\/09\/Capture-decran-le-2023-09-08-a-10.03.06.png?resize=1024%2C681&amp;ssl=1 1024w, https:\/\/i0.wp.com\/itayachtscanada.com\/wp-content\/uploads\/2023\/09\/Capture-decran-le-2023-09-08-a-10.03.06.png?resize=768%2C511&amp;ssl=1 768w, https:\/\/i0.wp.com\/itayachtscanada.com\/wp-content\/uploads\/2023\/09\/Capture-decran-le-2023-09-08-a-10.03.06.png?resize=700%2C465&amp;ssl=1 700w, https:\/\/i0.wp.com\/itayachtscanada.com\/wp-content\/uploads\/2023\/09\/Capture-decran-le-2023-09-08-a-10.03.06.png?resize=900%2C600&amp;ssl=1 900w, https:\/\/i0.wp.com\/itayachtscanada.com\/wp-content\/uploads\/2023\/09\/Capture-decran-le-2023-09-08-a-10.03.06.png?resize=602%2C400&amp;ssl=1 602w\" width=\"463\" height=\"308\" loading=\"lazy\" data-original-width=\"463\" data-original-height=\"308\" itemprop=\"http:\/\/schema.org\/image\" title=\"Capture d\u2019\u00e9cran, le 2023-09-08 \u00e0 10.03.06\" alt=\"Capture d\u2019\u00e9cran, le 2023-09-08 \u00e0 10.03.06\" style=\"width: 463px; height: 308px;\" \/> <\/a> <\/div> <\/div> <!-- close group --> <div class=\"gallery-group images-2\" style=\"width: 233px; height: 312px;\" data-original-width=\"233\" data-original-height=\"312\" > <div class=\"tiled-gallery-item tiled-gallery-item-small\" itemprop=\"associatedMedia\" itemscope itemtype=\"http:\/\/schema.org\/ImageObject\"> <a href=\"https:\/\/itayachtscanada.com\/fr\/listing\/azimut-s7-2018-2100000-usd-for-sale\/capture-decran-le-2023-09-08-a-10-03-03\/\" border=\"0\" itemprop=\"url\"> <meta itemprop=\"width\" content=\"229\"> <meta itemprop=\"height\" content=\"153\"> <img decoding=\"async\" class=\"\" data-attachment-id=\"132411\" data-orig-file=\"https:\/\/itayachtscanada.com\/wp-content\/uploads\/2023\/09\/Capture-decran-le-2023-09-08-a-10.03.03.png\" data-orig-size=\"1098,730\" data-comments-opened=\"1\" data-image-meta=\"{&quot;aperture&quot;:&quot;0&quot;,&quot;credit&quot;:&quot;&quot;,&quot;camera&quot;:&quot;&quot;,&quot;caption&quot;:&quot;&quot;,&quot;created_timestamp&quot;:&quot;0&quot;,&quot;copyright&quot;:&quot;&quot;,&quot;focal_length&quot;:&quot;0&quot;,&quot;iso&quot;:&quot;0&quot;,&quot;shutter_speed&quot;:&quot;0&quot;,&quot;title&quot;:&quot;&quot;,&quot;orientation&quot;:&quot;0&quot;}\" data-image-title=\"Capture d\u2019\u00e9cran, le 2023-09-08 \u00e0 10.03.03\" data-image-description=\"\" data-medium-file=\"https:\/\/i0.wp.com\/itayachtscanada.com\/wp-content\/uploads\/2023\/09\/Capture-decran-le-2023-09-08-a-10.03.03.png?fit=300%2C199&#038;ssl=1\" data-large-file=\"https:\/\/i0.wp.com\/itayachtscanada.com\/wp-content\/uploads\/2023\/09\/Capture-decran-le-2023-09-08-a-10.03.03.png?fit=700%2C466&#038;ssl=1\" src=\"https:\/\/i0.wp.com\/itayachtscanada.com\/wp-content\/uploads\/2023\/09\/Capture-decran-le-2023-09-08-a-10.03.03.png?w=229&#038;h=153&#038;ssl=1\" srcset=\"https:\/\/i0.wp.com\/itayachtscanada.com\/wp-content\/uploads\/2023\/09\/Capture-decran-le-2023-09-08-a-10.03.03.png?w=1098&amp;ssl=1 1098w, https:\/\/i0.wp.com\/itayachtscanada.com\/wp-content\/uploads\/2023\/09\/Capture-decran-le-2023-09-08-a-10.03.03.png?resize=300%2C199&amp;ssl=1 300w, https:\/\/i0.wp.com\/itayachtscanada.com\/wp-content\/uploads\/2023\/09\/Capture-decran-le-2023-09-08-a-10.03.03.png?resize=1024%2C681&amp;ssl=1 1024w, https:\/\/i0.wp.com\/itayachtscanada.com\/wp-content\/uploads\/2023\/09\/Capture-decran-le-2023-09-08-a-10.03.03.png?resize=768%2C511&amp;ssl=1 768w, https:\/\/i0.wp.com\/itayachtscanada.com\/wp-content\/uploads\/2023\/09\/Capture-decran-le-2023-09-08-a-10.03.03.png?resize=700%2C465&amp;ssl=1 700w, https:\/\/i0.wp.com\/itayachtscanada.com\/wp-content\/uploads\/2023\/09\/Capture-decran-le-2023-09-08-a-10.03.03.png?resize=900%2C600&amp;ssl=1 900w, https:\/\/i0.wp.com\/itayachtscanada.com\/wp-content\/uploads\/2023\/09\/Capture-decran-le-2023-09-08-a-10.03.03.png?resize=602%2C400&amp;ssl=1 602w\" width=\"229\" height=\"153\" loading=\"lazy\" data-original-width=\"229\" data-original-height=\"153\" itemprop=\"http:\/\/schema.org\/image\" title=\"Capture d\u2019\u00e9cran, le 2023-09-08 \u00e0 10.03.03\" alt=\"Capture d\u2019\u00e9cran, le 2023-09-08 \u00e0 10.03.03\" style=\"width: 229px; height: 153px;\" \/> <\/a> <\/div> <div class=\"tiled-gallery-item tiled-gallery-item-small\" itemprop=\"associatedMedia\" itemscope itemtype=\"http:\/\/schema.org\/ImageObject\"> <a href=\"https:\/\/itayachtscanada.com\/fr\/listing\/azimut-s7-2018-2100000-usd-for-sale\/capture-decran-le-2023-09-08-a-10-04-07\/\" border=\"0\" itemprop=\"url\"> <meta itemprop=\"width\" content=\"229\"> <meta itemprop=\"height\" content=\"151\"> <img decoding=\"async\" class=\"\" data-attachment-id=\"132396\" data-orig-file=\"https:\/\/itayachtscanada.com\/wp-content\/uploads\/2023\/09\/Capture-decran-le-2023-09-08-a-10.04.07.png\" data-orig-size=\"1108,730\" data-comments-opened=\"1\" data-image-meta=\"{&quot;aperture&quot;:&quot;0&quot;,&quot;credit&quot;:&quot;&quot;,&quot;camera&quot;:&quot;&quot;,&quot;caption&quot;:&quot;&quot;,&quot;created_timestamp&quot;:&quot;0&quot;,&quot;copyright&quot;:&quot;&quot;,&quot;focal_length&quot;:&quot;0&quot;,&quot;iso&quot;:&quot;0&quot;,&quot;shutter_speed&quot;:&quot;0&quot;,&quot;title&quot;:&quot;&quot;,&quot;orientation&quot;:&quot;0&quot;}\" data-image-title=\"Capture d\u2019\u00e9cran, le 2023-09-08 \u00e0 10.04.07\" data-image-description=\"\" data-medium-file=\"https:\/\/i0.wp.com\/itayachtscanada.com\/wp-content\/uploads\/2023\/09\/Capture-decran-le-2023-09-08-a-10.04.07.png?fit=300%2C198&#038;ssl=1\" data-large-file=\"https:\/\/i0.wp.com\/itayachtscanada.com\/wp-content\/uploads\/2023\/09\/Capture-decran-le-2023-09-08-a-10.04.07.png?fit=700%2C461&#038;ssl=1\" src=\"https:\/\/i0.wp.com\/itayachtscanada.com\/wp-content\/uploads\/2023\/09\/Capture-decran-le-2023-09-08-a-10.04.07.png?w=229&#038;h=151&#038;ssl=1\" srcset=\"https:\/\/i0.wp.com\/itayachtscanada.com\/wp-content\/uploads\/2023\/09\/Capture-decran-le-2023-09-08-a-10.04.07.png?w=1108&amp;ssl=1 1108w, https:\/\/i0.wp.com\/itayachtscanada.com\/wp-content\/uploads\/2023\/09\/Capture-decran-le-2023-09-08-a-10.04.07.png?resize=300%2C198&amp;ssl=1 300w, https:\/\/i0.wp.com\/itayachtscanada.com\/wp-content\/uploads\/2023\/09\/Capture-decran-le-2023-09-08-a-10.04.07.png?resize=1024%2C675&amp;ssl=1 1024w, https:\/\/i0.wp.com\/itayachtscanada.com\/wp-content\/uploads\/2023\/09\/Capture-decran-le-2023-09-08-a-10.04.07.png?resize=768%2C506&amp;ssl=1 768w, https:\/\/i0.wp.com\/itayachtscanada.com\/wp-content\/uploads\/2023\/09\/Capture-decran-le-2023-09-08-a-10.04.07.png?resize=700%2C461&amp;ssl=1 700w, https:\/\/i0.wp.com\/itayachtscanada.com\/wp-content\/uploads\/2023\/09\/Capture-decran-le-2023-09-08-a-10.04.07.png?resize=607%2C400&amp;ssl=1 607w\" width=\"229\" height=\"151\" loading=\"lazy\" data-original-width=\"229\" data-original-height=\"151\" itemprop=\"http:\/\/schema.org\/image\" title=\"Capture d\u2019\u00e9cran, le 2023-09-08 \u00e0 10.04.07\" alt=\"Capture d\u2019\u00e9cran, le 2023-09-08 \u00e0 10.04.07\" style=\"width: 229px; height: 151px;\" \/> <\/a> <\/div> <\/div> <!-- close group --> <\/div> <!-- close row --> <div class=\"gallery-row\" style=\"width: 700px; height: 175px;\" data-original-width=\"700\" data-original-height=\"175\" > <div class=\"gallery-group images-1\" style=\"width: 234px; height: 175px;\" data-original-width=\"234\" data-original-height=\"175\" > <div class=\"tiled-gallery-item tiled-gallery-item-small\" itemprop=\"associatedMedia\" itemscope itemtype=\"http:\/\/schema.org\/ImageObject\"> <a href=\"https:\/\/itayachtscanada.com\/fr\/listing\/azimut-s7-2018-2100000-usd-for-sale\/capture-decran-le-2023-09-08-a-10-02-24\/\" border=\"0\" itemprop=\"url\"> <meta itemprop=\"width\" content=\"230\"> <meta itemprop=\"height\" content=\"171\"> <img decoding=\"async\" class=\"\" data-attachment-id=\"132420\" data-orig-file=\"https:\/\/itayachtscanada.com\/wp-content\/uploads\/2023\/09\/Capture-decran-le-2023-09-08-a-10.02.24.png\" data-orig-size=\"980,730\" data-comments-opened=\"1\" data-image-meta=\"{&quot;aperture&quot;:&quot;0&quot;,&quot;credit&quot;:&quot;&quot;,&quot;camera&quot;:&quot;&quot;,&quot;caption&quot;:&quot;&quot;,&quot;created_timestamp&quot;:&quot;0&quot;,&quot;copyright&quot;:&quot;&quot;,&quot;focal_length&quot;:&quot;0&quot;,&quot;iso&quot;:&quot;0&quot;,&quot;shutter_speed&quot;:&quot;0&quot;,&quot;title&quot;:&quot;&quot;,&quot;orientation&quot;:&quot;0&quot;}\" data-image-title=\"Capture d\u2019\u00e9cran, le 2023-09-08 \u00e0 10.02.24\" data-image-description=\"\" data-medium-file=\"https:\/\/i0.wp.com\/itayachtscanada.com\/wp-content\/uploads\/2023\/09\/Capture-decran-le-2023-09-08-a-10.02.24.png?fit=300%2C223&#038;ssl=1\" data-large-file=\"https:\/\/i0.wp.com\/itayachtscanada.com\/wp-content\/uploads\/2023\/09\/Capture-decran-le-2023-09-08-a-10.02.24.png?fit=700%2C521&#038;ssl=1\" src=\"https:\/\/i0.wp.com\/itayachtscanada.com\/wp-content\/uploads\/2023\/09\/Capture-decran-le-2023-09-08-a-10.02.24.png?w=230&#038;h=171&#038;ssl=1\" srcset=\"https:\/\/i0.wp.com\/itayachtscanada.com\/wp-content\/uploads\/2023\/09\/Capture-decran-le-2023-09-08-a-10.02.24.png?w=980&amp;ssl=1 980w, https:\/\/i0.wp.com\/itayachtscanada.com\/wp-content\/uploads\/2023\/09\/Capture-decran-le-2023-09-08-a-10.02.24.png?resize=300%2C223&amp;ssl=1 300w, https:\/\/i0.wp.com\/itayachtscanada.com\/wp-content\/uploads\/2023\/09\/Capture-decran-le-2023-09-08-a-10.02.24.png?resize=768%2C572&amp;ssl=1 768w, https:\/\/i0.wp.com\/itayachtscanada.com\/wp-content\/uploads\/2023\/09\/Capture-decran-le-2023-09-08-a-10.02.24.png?resize=200%2C150&amp;ssl=1 200w, https:\/\/i0.wp.com\/itayachtscanada.com\/wp-content\/uploads\/2023\/09\/Capture-decran-le-2023-09-08-a-10.02.24.png?resize=700%2C521&amp;ssl=1 700w, https:\/\/i0.wp.com\/itayachtscanada.com\/wp-content\/uploads\/2023\/09\/Capture-decran-le-2023-09-08-a-10.02.24.png?resize=537%2C400&amp;ssl=1 537w\" width=\"230\" height=\"171\" loading=\"lazy\" data-original-width=\"230\" data-original-height=\"171\" itemprop=\"http:\/\/schema.org\/image\" title=\"Capture d\u2019\u00e9cran, le 2023-09-08 \u00e0 10.02.24\" alt=\"Capture d\u2019\u00e9cran, le 2023-09-08 \u00e0 10.02.24\" style=\"width: 230px; height: 171px;\" \/> <\/a> <\/div> <\/div> <!-- close group --> <div class=\"gallery-group images-1\" style=\"width: 233px; height: 175px;\" data-original-width=\"233\" data-original-height=\"175\" > <div class=\"tiled-gallery-item tiled-gallery-item-small\" itemprop=\"associatedMedia\" itemscope itemtype=\"http:\/\/schema.org\/ImageObject\"> <a href=\"https:\/\/itayachtscanada.com\/fr\/listing\/azimut-s7-2018-2100000-usd-for-sale\/capture-decran-le-2023-09-08-a-10-02-10\/\" border=\"0\" itemprop=\"url\"> <meta itemprop=\"width\" content=\"229\"> <meta itemprop=\"height\" content=\"171\"> <img decoding=\"async\" class=\"\" data-attachment-id=\"132425\" data-orig-file=\"https:\/\/itayachtscanada.com\/wp-content\/uploads\/2023\/09\/Capture-decran-le-2023-09-08-a-10.02.10.png\" data-orig-size=\"980,730\" data-comments-opened=\"1\" data-image-meta=\"{&quot;aperture&quot;:&quot;0&quot;,&quot;credit&quot;:&quot;&quot;,&quot;camera&quot;:&quot;&quot;,&quot;caption&quot;:&quot;&quot;,&quot;created_timestamp&quot;:&quot;0&quot;,&quot;copyright&quot;:&quot;&quot;,&quot;focal_length&quot;:&quot;0&quot;,&quot;iso&quot;:&quot;0&quot;,&quot;shutter_speed&quot;:&quot;0&quot;,&quot;title&quot;:&quot;&quot;,&quot;orientation&quot;:&quot;0&quot;}\" data-image-title=\"Capture d\u2019\u00e9cran, le 2023-09-08 \u00e0 10.02.10\" data-image-description=\"\" data-medium-file=\"https:\/\/i0.wp.com\/itayachtscanada.com\/wp-content\/uploads\/2023\/09\/Capture-decran-le-2023-09-08-a-10.02.10.png?fit=300%2C223&#038;ssl=1\" data-large-file=\"https:\/\/i0.wp.com\/itayachtscanada.com\/wp-content\/uploads\/2023\/09\/Capture-decran-le-2023-09-08-a-10.02.10.png?fit=700%2C521&#038;ssl=1\" src=\"https:\/\/i0.wp.com\/itayachtscanada.com\/wp-content\/uploads\/2023\/09\/Capture-decran-le-2023-09-08-a-10.02.10.png?w=229&#038;h=171&#038;ssl=1\" srcset=\"https:\/\/i0.wp.com\/itayachtscanada.com\/wp-content\/uploads\/2023\/09\/Capture-decran-le-2023-09-08-a-10.02.10.png?w=980&amp;ssl=1 980w, https:\/\/i0.wp.com\/itayachtscanada.com\/wp-content\/uploads\/2023\/09\/Capture-decran-le-2023-09-08-a-10.02.10.png?resize=300%2C223&amp;ssl=1 300w, https:\/\/i0.wp.com\/itayachtscanada.com\/wp-content\/uploads\/2023\/09\/Capture-decran-le-2023-09-08-a-10.02.10.png?resize=768%2C572&amp;ssl=1 768w, https:\/\/i0.wp.com\/itayachtscanada.com\/wp-content\/uploads\/2023\/09\/Capture-decran-le-2023-09-08-a-10.02.10.png?resize=800%2C600&amp;ssl=1 800w, https:\/\/i0.wp.com\/itayachtscanada.com\/wp-content\/uploads\/2023\/09\/Capture-decran-le-2023-09-08-a-10.02.10.png?resize=400%2C300&amp;ssl=1 400w, https:\/\/i0.wp.com\/itayachtscanada.com\/wp-content\/uploads\/2023\/09\/Capture-decran-le-2023-09-08-a-10.02.10.png?resize=200%2C150&amp;ssl=1 200w, https:\/\/i0.wp.com\/itayachtscanada.com\/wp-content\/uploads\/2023\/09\/Capture-decran-le-2023-09-08-a-10.02.10.png?resize=700%2C521&amp;ssl=1 700w, https:\/\/i0.wp.com\/itayachtscanada.com\/wp-content\/uploads\/2023\/09\/Capture-decran-le-2023-09-08-a-10.02.10.png?resize=537%2C400&amp;ssl=1 537w\" width=\"229\" height=\"171\" loading=\"lazy\" data-original-width=\"229\" data-original-height=\"171\" itemprop=\"http:\/\/schema.org\/image\" title=\"Capture d\u2019\u00e9cran, le 2023-09-08 \u00e0 10.02.10\" alt=\"Capture d\u2019\u00e9cran, le 2023-09-08 \u00e0 10.02.10\" style=\"width: 229px; height: 171px;\" \/> <\/a> <\/div> <\/div> <!-- close group --> <div class=\"gallery-group images-1\" style=\"width: 233px; height: 175px;\" data-original-width=\"233\" data-original-height=\"175\" > <div class=\"tiled-gallery-item tiled-gallery-item-small\" itemprop=\"associatedMedia\" itemscope itemtype=\"http:\/\/schema.org\/ImageObject\"> <a href=\"https:\/\/itayachtscanada.com\/fr\/listing\/azimut-s7-2018-2100000-usd-for-sale\/capture-decran-le-2023-09-08-a-10-02-07\/\" border=\"0\" itemprop=\"url\"> <meta itemprop=\"width\" content=\"229\"> <meta itemprop=\"height\" content=\"171\"> <img decoding=\"async\" class=\"\" data-attachment-id=\"132426\" data-orig-file=\"https:\/\/itayachtscanada.com\/wp-content\/uploads\/2023\/09\/Capture-decran-le-2023-09-08-a-10.02.07.png\" data-orig-size=\"980,730\" data-comments-opened=\"1\" data-image-meta=\"{&quot;aperture&quot;:&quot;0&quot;,&quot;credit&quot;:&quot;&quot;,&quot;camera&quot;:&quot;&quot;,&quot;caption&quot;:&quot;&quot;,&quot;created_timestamp&quot;:&quot;0&quot;,&quot;copyright&quot;:&quot;&quot;,&quot;focal_length&quot;:&quot;0&quot;,&quot;iso&quot;:&quot;0&quot;,&quot;shutter_speed&quot;:&quot;0&quot;,&quot;title&quot;:&quot;&quot;,&quot;orientation&quot;:&quot;0&quot;}\" data-image-title=\"Capture d\u2019\u00e9cran, le 2023-09-08 \u00e0 10.02.07\" data-image-description=\"\" data-medium-file=\"https:\/\/i0.wp.com\/itayachtscanada.com\/wp-content\/uploads\/2023\/09\/Capture-decran-le-2023-09-08-a-10.02.07.png?fit=300%2C223&#038;ssl=1\" data-large-file=\"https:\/\/i0.wp.com\/itayachtscanada.com\/wp-content\/uploads\/2023\/09\/Capture-decran-le-2023-09-08-a-10.02.07.png?fit=700%2C521&#038;ssl=1\" src=\"https:\/\/i0.wp.com\/itayachtscanada.com\/wp-content\/uploads\/2023\/09\/Capture-decran-le-2023-09-08-a-10.02.07.png?w=229&#038;h=171&#038;ssl=1\" srcset=\"https:\/\/i0.wp.com\/itayachtscanada.com\/wp-content\/uploads\/2023\/09\/Capture-decran-le-2023-09-08-a-10.02.07.png?w=980&amp;ssl=1 980w, https:\/\/i0.wp.com\/itayachtscanada.com\/wp-content\/uploads\/2023\/09\/Capture-decran-le-2023-09-08-a-10.02.07.png?resize=300%2C223&amp;ssl=1 300w, https:\/\/i0.wp.com\/itayachtscanada.com\/wp-content\/uploads\/2023\/09\/Capture-decran-le-2023-09-08-a-10.02.07.png?resize=768%2C572&amp;ssl=1 768w, https:\/\/i0.wp.com\/itayachtscanada.com\/wp-content\/uploads\/2023\/09\/Capture-decran-le-2023-09-08-a-10.02.07.png?resize=800%2C600&amp;ssl=1 800w, https:\/\/i0.wp.com\/itayachtscanada.com\/wp-content\/uploads\/2023\/09\/Capture-decran-le-2023-09-08-a-10.02.07.png?resize=400%2C300&amp;ssl=1 400w, https:\/\/i0.wp.com\/itayachtscanada.com\/wp-content\/uploads\/2023\/09\/Capture-decran-le-2023-09-08-a-10.02.07.png?resize=200%2C150&amp;ssl=1 200w, https:\/\/i0.wp.com\/itayachtscanada.com\/wp-content\/uploads\/2023\/09\/Capture-decran-le-2023-09-08-a-10.02.07.png?resize=700%2C521&amp;ssl=1 700w, https:\/\/i0.wp.com\/itayachtscanada.com\/wp-content\/uploads\/2023\/09\/Capture-decran-le-2023-09-08-a-10.02.07.png?resize=537%2C400&amp;ssl=1 537w\" width=\"229\" height=\"171\" loading=\"lazy\" data-original-width=\"229\" data-original-height=\"171\" itemprop=\"http:\/\/schema.org\/image\" title=\"Capture d\u2019\u00e9cran, le 2023-09-08 \u00e0 10.02.07\" alt=\"Capture d\u2019\u00e9cran, le 2023-09-08 \u00e0 10.02.07\" style=\"width: 229px; height: 171px;\" \/> <\/a> <\/div> <\/div> <!-- close group --> <\/div> <!-- close row --> <div class=\"gallery-row\" style=\"width: 700px; height: 349px;\" data-original-width=\"700\" data-original-height=\"349\" > <div class=\"gallery-group images-2\" style=\"width: 233px; height: 349px;\" data-original-width=\"233\" data-original-height=\"349\" > <div class=\"tiled-gallery-item tiled-gallery-item-small\" itemprop=\"associatedMedia\" itemscope itemtype=\"http:\/\/schema.org\/ImageObject\"> <a href=\"https:\/\/itayachtscanada.com\/fr\/listing\/azimut-s7-2018-2100000-usd-for-sale\/capture-decran-le-2023-09-08-a-10-02-03\/\" border=\"0\" itemprop=\"url\"> <meta itemprop=\"width\" content=\"229\"> <meta itemprop=\"height\" content=\"171\"> <img decoding=\"async\" class=\"\" data-attachment-id=\"132427\" data-orig-file=\"https:\/\/itayachtscanada.com\/wp-content\/uploads\/2023\/09\/Capture-decran-le-2023-09-08-a-10.02.03.png\" data-orig-size=\"980,730\" data-comments-opened=\"1\" data-image-meta=\"{&quot;aperture&quot;:&quot;0&quot;,&quot;credit&quot;:&quot;&quot;,&quot;camera&quot;:&quot;&quot;,&quot;caption&quot;:&quot;&quot;,&quot;created_timestamp&quot;:&quot;0&quot;,&quot;copyright&quot;:&quot;&quot;,&quot;focal_length&quot;:&quot;0&quot;,&quot;iso&quot;:&quot;0&quot;,&quot;shutter_speed&quot;:&quot;0&quot;,&quot;title&quot;:&quot;&quot;,&quot;orientation&quot;:&quot;0&quot;}\" data-image-title=\"Capture d\u2019\u00e9cran, le 2023-09-08 \u00e0 10.02.03\" data-image-description=\"\" data-medium-file=\"https:\/\/i0.wp.com\/itayachtscanada.com\/wp-content\/uploads\/2023\/09\/Capture-decran-le-2023-09-08-a-10.02.03.png?fit=300%2C223&#038;ssl=1\" data-large-file=\"https:\/\/i0.wp.com\/itayachtscanada.com\/wp-content\/uploads\/2023\/09\/Capture-decran-le-2023-09-08-a-10.02.03.png?fit=700%2C521&#038;ssl=1\" src=\"https:\/\/i0.wp.com\/itayachtscanada.com\/wp-content\/uploads\/2023\/09\/Capture-decran-le-2023-09-08-a-10.02.03.png?w=229&#038;h=171&#038;ssl=1\" srcset=\"https:\/\/i0.wp.com\/itayachtscanada.com\/wp-content\/uploads\/2023\/09\/Capture-decran-le-2023-09-08-a-10.02.03.png?w=980&amp;ssl=1 980w, https:\/\/i0.wp.com\/itayachtscanada.com\/wp-content\/uploads\/2023\/09\/Capture-decran-le-2023-09-08-a-10.02.03.png?resize=300%2C223&amp;ssl=1 300w, https:\/\/i0.wp.com\/itayachtscanada.com\/wp-content\/uploads\/2023\/09\/Capture-decran-le-2023-09-08-a-10.02.03.png?resize=768%2C572&amp;ssl=1 768w, https:\/\/i0.wp.com\/itayachtscanada.com\/wp-content\/uploads\/2023\/09\/Capture-decran-le-2023-09-08-a-10.02.03.png?resize=800%2C600&amp;ssl=1 800w, https:\/\/i0.wp.com\/itayachtscanada.com\/wp-content\/uploads\/2023\/09\/Capture-decran-le-2023-09-08-a-10.02.03.png?resize=400%2C300&amp;ssl=1 400w, https:\/\/i0.wp.com\/itayachtscanada.com\/wp-content\/uploads\/2023\/09\/Capture-decran-le-2023-09-08-a-10.02.03.png?resize=200%2C150&amp;ssl=1 200w, https:\/\/i0.wp.com\/itayachtscanada.com\/wp-content\/uploads\/2023\/09\/Capture-decran-le-2023-09-08-a-10.02.03.png?resize=700%2C521&amp;ssl=1 700w, https:\/\/i0.wp.com\/itayachtscanada.com\/wp-content\/uploads\/2023\/09\/Capture-decran-le-2023-09-08-a-10.02.03.png?resize=537%2C400&amp;ssl=1 537w\" width=\"229\" height=\"171\" loading=\"lazy\" data-original-width=\"229\" data-original-height=\"171\" itemprop=\"http:\/\/schema.org\/image\" title=\"Capture d\u2019\u00e9cran, le 2023-09-08 \u00e0 10.02.03\" alt=\"Capture d\u2019\u00e9cran, le 2023-09-08 \u00e0 10.02.03\" style=\"width: 229px; height: 171px;\" \/> <\/a> <\/div> <div class=\"tiled-gallery-item tiled-gallery-item-small\" itemprop=\"associatedMedia\" itemscope itemtype=\"http:\/\/schema.org\/ImageObject\"> <a href=\"https:\/\/itayachtscanada.com\/fr\/listing\/azimut-s7-2018-2100000-usd-for-sale\/capture-decran-le-2023-09-08-a-10-01-54\/\" border=\"0\" itemprop=\"url\"> <meta itemprop=\"width\" content=\"229\"> <meta itemprop=\"height\" content=\"170\"> <img decoding=\"async\" class=\"\" data-attachment-id=\"132430\" data-orig-file=\"https:\/\/itayachtscanada.com\/wp-content\/uploads\/2023\/09\/Capture-decran-le-2023-09-08-a-10.01.54.png\" data-orig-size=\"980,730\" data-comments-opened=\"1\" data-image-meta=\"{&quot;aperture&quot;:&quot;0&quot;,&quot;credit&quot;:&quot;&quot;,&quot;camera&quot;:&quot;&quot;,&quot;caption&quot;:&quot;&quot;,&quot;created_timestamp&quot;:&quot;0&quot;,&quot;copyright&quot;:&quot;&quot;,&quot;focal_length&quot;:&quot;0&quot;,&quot;iso&quot;:&quot;0&quot;,&quot;shutter_speed&quot;:&quot;0&quot;,&quot;title&quot;:&quot;&quot;,&quot;orientation&quot;:&quot;0&quot;}\" data-image-title=\"Capture d\u2019\u00e9cran, le 2023-09-08 \u00e0 10.01.54\" data-image-description=\"\" data-medium-file=\"https:\/\/i0.wp.com\/itayachtscanada.com\/wp-content\/uploads\/2023\/09\/Capture-decran-le-2023-09-08-a-10.01.54.png?fit=300%2C223&#038;ssl=1\" data-large-file=\"https:\/\/i0.wp.com\/itayachtscanada.com\/wp-content\/uploads\/2023\/09\/Capture-decran-le-2023-09-08-a-10.01.54.png?fit=700%2C521&#038;ssl=1\" src=\"https:\/\/i0.wp.com\/itayachtscanada.com\/wp-content\/uploads\/2023\/09\/Capture-decran-le-2023-09-08-a-10.01.54.png?w=229&#038;h=170&#038;ssl=1\" srcset=\"https:\/\/i0.wp.com\/itayachtscanada.com\/wp-content\/uploads\/2023\/09\/Capture-decran-le-2023-09-08-a-10.01.54.png?w=980&amp;ssl=1 980w, https:\/\/i0.wp.com\/itayachtscanada.com\/wp-content\/uploads\/2023\/09\/Capture-decran-le-2023-09-08-a-10.01.54.png?resize=300%2C223&amp;ssl=1 300w, https:\/\/i0.wp.com\/itayachtscanada.com\/wp-content\/uploads\/2023\/09\/Capture-decran-le-2023-09-08-a-10.01.54.png?resize=768%2C572&amp;ssl=1 768w, https:\/\/i0.wp.com\/itayachtscanada.com\/wp-content\/uploads\/2023\/09\/Capture-decran-le-2023-09-08-a-10.01.54.png?resize=700%2C521&amp;ssl=1 700w, https:\/\/i0.wp.com\/itayachtscanada.com\/wp-content\/uploads\/2023\/09\/Capture-decran-le-2023-09-08-a-10.01.54.png?resize=537%2C400&amp;ssl=1 537w\" width=\"229\" height=\"170\" loading=\"lazy\" data-original-width=\"229\" data-original-height=\"170\" itemprop=\"http:\/\/schema.org\/image\" title=\"Capture d\u2019\u00e9cran, le 2023-09-08 \u00e0 10.01.54\" alt=\"Capture d\u2019\u00e9cran, le 2023-09-08 \u00e0 10.01.54\" style=\"width: 229px; height: 170px;\" \/> <\/a> <\/div> <\/div> <!-- close group --> <div class=\"gallery-group images-1\" style=\"width: 467px; height: 349px;\" data-original-width=\"467\" data-original-height=\"349\" > <div class=\"tiled-gallery-item tiled-gallery-item-large\" itemprop=\"associatedMedia\" itemscope itemtype=\"http:\/\/schema.org\/ImageObject\"> <a href=\"https:\/\/itayachtscanada.com\/fr\/listing\/azimut-s7-2018-2100000-usd-for-sale\/capture-decran-le-2023-09-08-a-10-01-46\/\" border=\"0\" itemprop=\"url\"> <meta itemprop=\"width\" content=\"463\"> <meta itemprop=\"height\" content=\"345\"> <img decoding=\"async\" class=\"\" data-attachment-id=\"132433\" data-orig-file=\"https:\/\/itayachtscanada.com\/wp-content\/uploads\/2023\/09\/Capture-decran-le-2023-09-08-a-10.01.46.png\" data-orig-size=\"980,730\" data-comments-opened=\"1\" data-image-meta=\"{&quot;aperture&quot;:&quot;0&quot;,&quot;credit&quot;:&quot;&quot;,&quot;camera&quot;:&quot;&quot;,&quot;caption&quot;:&quot;&quot;,&quot;created_timestamp&quot;:&quot;0&quot;,&quot;copyright&quot;:&quot;&quot;,&quot;focal_length&quot;:&quot;0&quot;,&quot;iso&quot;:&quot;0&quot;,&quot;shutter_speed&quot;:&quot;0&quot;,&quot;title&quot;:&quot;&quot;,&quot;orientation&quot;:&quot;0&quot;}\" data-image-title=\"Capture d\u2019\u00e9cran, le 2023-09-08 \u00e0 10.01.46\" data-image-description=\"\" data-medium-file=\"https:\/\/i0.wp.com\/itayachtscanada.com\/wp-content\/uploads\/2023\/09\/Capture-decran-le-2023-09-08-a-10.01.46.png?fit=300%2C223&#038;ssl=1\" data-large-file=\"https:\/\/i0.wp.com\/itayachtscanada.com\/wp-content\/uploads\/2023\/09\/Capture-decran-le-2023-09-08-a-10.01.46.png?fit=700%2C521&#038;ssl=1\" src=\"https:\/\/i0.wp.com\/itayachtscanada.com\/wp-content\/uploads\/2023\/09\/Capture-decran-le-2023-09-08-a-10.01.46.png?w=463&#038;h=345&#038;ssl=1\" srcset=\"https:\/\/i0.wp.com\/itayachtscanada.com\/wp-content\/uploads\/2023\/09\/Capture-decran-le-2023-09-08-a-10.01.46.png?w=980&amp;ssl=1 980w, https:\/\/i0.wp.com\/itayachtscanada.com\/wp-content\/uploads\/2023\/09\/Capture-decran-le-2023-09-08-a-10.01.46.png?resize=300%2C223&amp;ssl=1 300w, https:\/\/i0.wp.com\/itayachtscanada.com\/wp-content\/uploads\/2023\/09\/Capture-decran-le-2023-09-08-a-10.01.46.png?resize=768%2C572&amp;ssl=1 768w, https:\/\/i0.wp.com\/itayachtscanada.com\/wp-content\/uploads\/2023\/09\/Capture-decran-le-2023-09-08-a-10.01.46.png?resize=200%2C150&amp;ssl=1 200w, https:\/\/i0.wp.com\/itayachtscanada.com\/wp-content\/uploads\/2023\/09\/Capture-decran-le-2023-09-08-a-10.01.46.png?resize=700%2C521&amp;ssl=1 700w, https:\/\/i0.wp.com\/itayachtscanada.com\/wp-content\/uploads\/2023\/09\/Capture-decran-le-2023-09-08-a-10.01.46.png?resize=537%2C400&amp;ssl=1 537w\" width=\"463\" height=\"345\" loading=\"lazy\" data-original-width=\"463\" data-original-height=\"345\" itemprop=\"http:\/\/schema.org\/image\" title=\"Capture d\u2019\u00e9cran, le 2023-09-08 \u00e0 10.01.46\" alt=\"Capture d\u2019\u00e9cran, le 2023-09-08 \u00e0 10.01.46\" style=\"width: 463px; height: 345px;\" \/> <\/a> <\/div> <\/div> <!-- close group --> <\/div> <!-- close row --> <div class=\"gallery-row\" style=\"width: 700px; height: 262px;\" data-original-width=\"700\" data-original-height=\"262\" > <div class=\"gallery-group images-1\" style=\"width: 350px; height: 262px;\" data-original-width=\"350\" data-original-height=\"262\" > <div class=\"tiled-gallery-item tiled-gallery-item-large\" itemprop=\"associatedMedia\" itemscope itemtype=\"http:\/\/schema.org\/ImageObject\"> <a href=\"https:\/\/itayachtscanada.com\/fr\/listing\/azimut-s7-2018-2100000-usd-for-sale\/capture-decran-le-2023-09-08-a-10-01-49\/\" border=\"0\" itemprop=\"url\"> <meta itemprop=\"width\" content=\"346\"> <meta itemprop=\"height\" content=\"258\"> <img decoding=\"async\" class=\"\" data-attachment-id=\"132432\" data-orig-file=\"https:\/\/itayachtscanada.com\/wp-content\/uploads\/2023\/09\/Capture-decran-le-2023-09-08-a-10.01.49.png\" data-orig-size=\"980,730\" data-comments-opened=\"1\" data-image-meta=\"{&quot;aperture&quot;:&quot;0&quot;,&quot;credit&quot;:&quot;&quot;,&quot;camera&quot;:&quot;&quot;,&quot;caption&quot;:&quot;&quot;,&quot;created_timestamp&quot;:&quot;0&quot;,&quot;copyright&quot;:&quot;&quot;,&quot;focal_length&quot;:&quot;0&quot;,&quot;iso&quot;:&quot;0&quot;,&quot;shutter_speed&quot;:&quot;0&quot;,&quot;title&quot;:&quot;&quot;,&quot;orientation&quot;:&quot;0&quot;}\" data-image-title=\"Capture d\u2019\u00e9cran, le 2023-09-08 \u00e0 10.01.49\" data-image-description=\"\" data-medium-file=\"https:\/\/i0.wp.com\/itayachtscanada.com\/wp-content\/uploads\/2023\/09\/Capture-decran-le-2023-09-08-a-10.01.49.png?fit=300%2C223&#038;ssl=1\" data-large-file=\"https:\/\/i0.wp.com\/itayachtscanada.com\/wp-content\/uploads\/2023\/09\/Capture-decran-le-2023-09-08-a-10.01.49.png?fit=700%2C521&#038;ssl=1\" src=\"https:\/\/i0.wp.com\/itayachtscanada.com\/wp-content\/uploads\/2023\/09\/Capture-decran-le-2023-09-08-a-10.01.49.png?w=346&#038;h=258&#038;ssl=1\" srcset=\"https:\/\/i0.wp.com\/itayachtscanada.com\/wp-content\/uploads\/2023\/09\/Capture-decran-le-2023-09-08-a-10.01.49.png?w=980&amp;ssl=1 980w, https:\/\/i0.wp.com\/itayachtscanada.com\/wp-content\/uploads\/2023\/09\/Capture-decran-le-2023-09-08-a-10.01.49.png?resize=300%2C223&amp;ssl=1 300w, https:\/\/i0.wp.com\/itayachtscanada.com\/wp-content\/uploads\/2023\/09\/Capture-decran-le-2023-09-08-a-10.01.49.png?resize=768%2C572&amp;ssl=1 768w, https:\/\/i0.wp.com\/itayachtscanada.com\/wp-content\/uploads\/2023\/09\/Capture-decran-le-2023-09-08-a-10.01.49.png?resize=200%2C150&amp;ssl=1 200w, https:\/\/i0.wp.com\/itayachtscanada.com\/wp-content\/uploads\/2023\/09\/Capture-decran-le-2023-09-08-a-10.01.49.png?resize=700%2C521&amp;ssl=1 700w, https:\/\/i0.wp.com\/itayachtscanada.com\/wp-content\/uploads\/2023\/09\/Capture-decran-le-2023-09-08-a-10.01.49.png?resize=537%2C400&amp;ssl=1 537w\" width=\"346\" height=\"258\" loading=\"lazy\" data-original-width=\"346\" data-original-height=\"258\" itemprop=\"http:\/\/schema.org\/image\" title=\"Capture d\u2019\u00e9cran, le 2023-09-08 \u00e0 10.01.49\" alt=\"Capture d\u2019\u00e9cran, le 2023-09-08 \u00e0 10.01.49\" style=\"width: 346px; height: 258px;\" \/> <\/a> <\/div> <\/div> <!-- close group --> <div class=\"gallery-group images-1\" style=\"width: 350px; height: 262px;\" data-original-width=\"350\" data-original-height=\"262\" > <div class=\"tiled-gallery-item tiled-gallery-item-large\" itemprop=\"associatedMedia\" itemscope itemtype=\"http:\/\/schema.org\/ImageObject\"> <a href=\"https:\/\/itayachtscanada.com\/fr\/listing\/azimut-s7-2018-2100000-usd-for-sale\/capture-decran-le-2023-09-08-a-10-01-51\/\" border=\"0\" itemprop=\"url\"> <meta itemprop=\"width\" content=\"346\"> <meta itemprop=\"height\" content=\"258\"> <img decoding=\"async\" class=\"\" data-attachment-id=\"132431\" data-orig-file=\"https:\/\/itayachtscanada.com\/wp-content\/uploads\/2023\/09\/Capture-decran-le-2023-09-08-a-10.01.51.png\" data-orig-size=\"980,730\" data-comments-opened=\"1\" data-image-meta=\"{&quot;aperture&quot;:&quot;0&quot;,&quot;credit&quot;:&quot;&quot;,&quot;camera&quot;:&quot;&quot;,&quot;caption&quot;:&quot;&quot;,&quot;created_timestamp&quot;:&quot;0&quot;,&quot;copyright&quot;:&quot;&quot;,&quot;focal_length&quot;:&quot;0&quot;,&quot;iso&quot;:&quot;0&quot;,&quot;shutter_speed&quot;:&quot;0&quot;,&quot;title&quot;:&quot;&quot;,&quot;orientation&quot;:&quot;0&quot;}\" data-image-title=\"Capture d\u2019\u00e9cran, le 2023-09-08 \u00e0 10.01.51\" data-image-description=\"\" data-medium-file=\"https:\/\/i0.wp.com\/itayachtscanada.com\/wp-content\/uploads\/2023\/09\/Capture-decran-le-2023-09-08-a-10.01.51.png?fit=300%2C223&#038;ssl=1\" data-large-file=\"https:\/\/i0.wp.com\/itayachtscanada.com\/wp-content\/uploads\/2023\/09\/Capture-decran-le-2023-09-08-a-10.01.51.png?fit=700%2C521&#038;ssl=1\" src=\"https:\/\/i0.wp.com\/itayachtscanada.com\/wp-content\/uploads\/2023\/09\/Capture-decran-le-2023-09-08-a-10.01.51.png?w=346&#038;h=258&#038;ssl=1\" srcset=\"https:\/\/i0.wp.com\/itayachtscanada.com\/wp-content\/uploads\/2023\/09\/Capture-decran-le-2023-09-08-a-10.01.51.png?w=980&amp;ssl=1 980w, https:\/\/i0.wp.com\/itayachtscanada.com\/wp-content\/uploads\/2023\/09\/Capture-decran-le-2023-09-08-a-10.01.51.png?resize=300%2C223&amp;ssl=1 300w, https:\/\/i0.wp.com\/itayachtscanada.com\/wp-content\/uploads\/2023\/09\/Capture-decran-le-2023-09-08-a-10.01.51.png?resize=768%2C572&amp;ssl=1 768w, https:\/\/i0.wp.com\/itayachtscanada.com\/wp-content\/uploads\/2023\/09\/Capture-decran-le-2023-09-08-a-10.01.51.png?resize=200%2C150&amp;ssl=1 200w, https:\/\/i0.wp.com\/itayachtscanada.com\/wp-content\/uploads\/2023\/09\/Capture-decran-le-2023-09-08-a-10.01.51.png?resize=700%2C521&amp;ssl=1 700w, https:\/\/i0.wp.com\/itayachtscanada.com\/wp-content\/uploads\/2023\/09\/Capture-decran-le-2023-09-08-a-10.01.51.png?resize=537%2C400&amp;ssl=1 537w\" width=\"346\" height=\"258\" loading=\"lazy\" data-original-width=\"346\" data-original-height=\"258\" itemprop=\"http:\/\/schema.org\/image\" title=\"Capture d\u2019\u00e9cran, le 2023-09-08 \u00e0 10.01.51\" alt=\"Capture d\u2019\u00e9cran, le 2023-09-08 \u00e0 10.01.51\" style=\"width: 346px; height: 258px;\" \/> <\/a> <\/div> <\/div> <!-- close group --> <\/div> <!-- close row --> <div class=\"gallery-row\" style=\"width: 700px; height: 349px;\" data-original-width=\"700\" data-original-height=\"349\" > <div class=\"gallery-group images-1\" style=\"width: 467px; height: 349px;\" data-original-width=\"467\" data-original-height=\"349\" > <div class=\"tiled-gallery-item tiled-gallery-item-large\" itemprop=\"associatedMedia\" itemscope itemtype=\"http:\/\/schema.org\/ImageObject\"> <a href=\"https:\/\/itayachtscanada.com\/fr\/listing\/azimut-s7-2018-2100000-usd-for-sale\/capture-decran-le-2023-09-08-a-10-01-43\/\" border=\"0\" itemprop=\"url\"> <meta itemprop=\"width\" content=\"463\"> <meta itemprop=\"height\" content=\"345\"> <img decoding=\"async\" class=\"\" data-attachment-id=\"132434\" data-orig-file=\"https:\/\/itayachtscanada.com\/wp-content\/uploads\/2023\/09\/Capture-decran-le-2023-09-08-a-10.01.43.png\" data-orig-size=\"980,730\" data-comments-opened=\"1\" data-image-meta=\"{&quot;aperture&quot;:&quot;0&quot;,&quot;credit&quot;:&quot;&quot;,&quot;camera&quot;:&quot;&quot;,&quot;caption&quot;:&quot;&quot;,&quot;created_timestamp&quot;:&quot;0&quot;,&quot;copyright&quot;:&quot;&quot;,&quot;focal_length&quot;:&quot;0&quot;,&quot;iso&quot;:&quot;0&quot;,&quot;shutter_speed&quot;:&quot;0&quot;,&quot;title&quot;:&quot;&quot;,&quot;orientation&quot;:&quot;0&quot;}\" data-image-title=\"Capture d\u2019\u00e9cran, le 2023-09-08 \u00e0 10.01.43\" data-image-description=\"\" data-medium-file=\"https:\/\/i0.wp.com\/itayachtscanada.com\/wp-content\/uploads\/2023\/09\/Capture-decran-le-2023-09-08-a-10.01.43.png?fit=300%2C223&#038;ssl=1\" data-large-file=\"https:\/\/i0.wp.com\/itayachtscanada.com\/wp-content\/uploads\/2023\/09\/Capture-decran-le-2023-09-08-a-10.01.43.png?fit=700%2C521&#038;ssl=1\" src=\"https:\/\/i0.wp.com\/itayachtscanada.com\/wp-content\/uploads\/2023\/09\/Capture-decran-le-2023-09-08-a-10.01.43.png?w=463&#038;h=345&#038;ssl=1\" srcset=\"https:\/\/i0.wp.com\/itayachtscanada.com\/wp-content\/uploads\/2023\/09\/Capture-decran-le-2023-09-08-a-10.01.43.png?w=980&amp;ssl=1 980w, https:\/\/i0.wp.com\/itayachtscanada.com\/wp-content\/uploads\/2023\/09\/Capture-decran-le-2023-09-08-a-10.01.43.png?resize=300%2C223&amp;ssl=1 300w, https:\/\/i0.wp.com\/itayachtscanada.com\/wp-content\/uploads\/2023\/09\/Capture-decran-le-2023-09-08-a-10.01.43.png?resize=768%2C572&amp;ssl=1 768w, https:\/\/i0.wp.com\/itayachtscanada.com\/wp-content\/uploads\/2023\/09\/Capture-decran-le-2023-09-08-a-10.01.43.png?resize=200%2C150&amp;ssl=1 200w, https:\/\/i0.wp.com\/itayachtscanada.com\/wp-content\/uploads\/2023\/09\/Capture-decran-le-2023-09-08-a-10.01.43.png?resize=700%2C521&amp;ssl=1 700w, https:\/\/i0.wp.com\/itayachtscanada.com\/wp-content\/uploads\/2023\/09\/Capture-decran-le-2023-09-08-a-10.01.43.png?resize=537%2C400&amp;ssl=1 537w\" width=\"463\" height=\"345\" loading=\"lazy\" data-original-width=\"463\" data-original-height=\"345\" itemprop=\"http:\/\/schema.org\/image\" title=\"Capture d\u2019\u00e9cran, le 2023-09-08 \u00e0 10.01.43\" alt=\"Capture d\u2019\u00e9cran, le 2023-09-08 \u00e0 10.01.43\" style=\"width: 463px; height: 345px;\" \/> <\/a> <\/div> <\/div> <!-- close group --> <div class=\"gallery-group images-2\" style=\"width: 233px; height: 349px;\" data-original-width=\"233\" data-original-height=\"349\" > <div class=\"tiled-gallery-item tiled-gallery-item-small\" itemprop=\"associatedMedia\" itemscope itemtype=\"http:\/\/schema.org\/ImageObject\"> <a href=\"https:\/\/itayachtscanada.com\/fr\/listing\/azimut-s7-2018-2100000-usd-for-sale\/capture-decran-le-2023-09-08-a-10-01-40\/\" border=\"0\" itemprop=\"url\"> <meta itemprop=\"width\" content=\"229\"> <meta itemprop=\"height\" content=\"171\"> <img decoding=\"async\" class=\"\" data-attachment-id=\"132435\" data-orig-file=\"https:\/\/itayachtscanada.com\/wp-content\/uploads\/2023\/09\/Capture-decran-le-2023-09-08-a-10.01.40.png\" data-orig-size=\"980,730\" data-comments-opened=\"1\" data-image-meta=\"{&quot;aperture&quot;:&quot;0&quot;,&quot;credit&quot;:&quot;&quot;,&quot;camera&quot;:&quot;&quot;,&quot;caption&quot;:&quot;&quot;,&quot;created_timestamp&quot;:&quot;0&quot;,&quot;copyright&quot;:&quot;&quot;,&quot;focal_length&quot;:&quot;0&quot;,&quot;iso&quot;:&quot;0&quot;,&quot;shutter_speed&quot;:&quot;0&quot;,&quot;title&quot;:&quot;&quot;,&quot;orientation&quot;:&quot;0&quot;}\" data-image-title=\"Capture d\u2019\u00e9cran, le 2023-09-08 \u00e0 10.01.40\" data-image-description=\"\" data-medium-file=\"https:\/\/i0.wp.com\/itayachtscanada.com\/wp-content\/uploads\/2023\/09\/Capture-decran-le-2023-09-08-a-10.01.40.png?fit=300%2C223&#038;ssl=1\" data-large-file=\"https:\/\/i0.wp.com\/itayachtscanada.com\/wp-content\/uploads\/2023\/09\/Capture-decran-le-2023-09-08-a-10.01.40.png?fit=700%2C521&#038;ssl=1\" src=\"https:\/\/i0.wp.com\/itayachtscanada.com\/wp-content\/uploads\/2023\/09\/Capture-decran-le-2023-09-08-a-10.01.40.png?w=229&#038;h=171&#038;ssl=1\" srcset=\"https:\/\/i0.wp.com\/itayachtscanada.com\/wp-content\/uploads\/2023\/09\/Capture-decran-le-2023-09-08-a-10.01.40.png?w=980&amp;ssl=1 980w, https:\/\/i0.wp.com\/itayachtscanada.com\/wp-content\/uploads\/2023\/09\/Capture-decran-le-2023-09-08-a-10.01.40.png?resize=300%2C223&amp;ssl=1 300w, https:\/\/i0.wp.com\/itayachtscanada.com\/wp-content\/uploads\/2023\/09\/Capture-decran-le-2023-09-08-a-10.01.40.png?resize=768%2C572&amp;ssl=1 768w, https:\/\/i0.wp.com\/itayachtscanada.com\/wp-content\/uploads\/2023\/09\/Capture-decran-le-2023-09-08-a-10.01.40.png?resize=800%2C600&amp;ssl=1 800w, https:\/\/i0.wp.com\/itayachtscanada.com\/wp-content\/uploads\/2023\/09\/Capture-decran-le-2023-09-08-a-10.01.40.png?resize=400%2C300&amp;ssl=1 400w, https:\/\/i0.wp.com\/itayachtscanada.com\/wp-content\/uploads\/2023\/09\/Capture-decran-le-2023-09-08-a-10.01.40.png?resize=200%2C150&amp;ssl=1 200w, https:\/\/i0.wp.com\/itayachtscanada.com\/wp-content\/uploads\/2023\/09\/Capture-decran-le-2023-09-08-a-10.01.40.png?resize=700%2C521&amp;ssl=1 700w, https:\/\/i0.wp.com\/itayachtscanada.com\/wp-content\/uploads\/2023\/09\/Capture-decran-le-2023-09-08-a-10.01.40.png?resize=537%2C400&amp;ssl=1 537w\" width=\"229\" height=\"171\" loading=\"lazy\" data-original-width=\"229\" data-original-height=\"171\" itemprop=\"http:\/\/schema.org\/image\" title=\"Capture d\u2019\u00e9cran, le 2023-09-08 \u00e0 10.01.40\" alt=\"Capture d\u2019\u00e9cran, le 2023-09-08 \u00e0 10.01.40\" style=\"width: 229px; height: 171px;\" \/> <\/a> <\/div> <div class=\"tiled-gallery-item tiled-gallery-item-small\" itemprop=\"associatedMedia\" itemscope itemtype=\"http:\/\/schema.org\/ImageObject\"> <a href=\"https:\/\/itayachtscanada.com\/fr\/listing\/azimut-s7-2018-2100000-usd-for-sale\/capture-decran-le-2023-09-08-a-10-01-37\/\" border=\"0\" itemprop=\"url\"> <meta itemprop=\"width\" content=\"229\"> <meta itemprop=\"height\" content=\"170\"> <img decoding=\"async\" class=\"\" data-attachment-id=\"132436\" data-orig-file=\"https:\/\/itayachtscanada.com\/wp-content\/uploads\/2023\/09\/Capture-decran-le-2023-09-08-a-10.01.37.png\" data-orig-size=\"980,730\" data-comments-opened=\"1\" data-image-meta=\"{&quot;aperture&quot;:&quot;0&quot;,&quot;credit&quot;:&quot;&quot;,&quot;camera&quot;:&quot;&quot;,&quot;caption&quot;:&quot;&quot;,&quot;created_timestamp&quot;:&quot;0&quot;,&quot;copyright&quot;:&quot;&quot;,&quot;focal_length&quot;:&quot;0&quot;,&quot;iso&quot;:&quot;0&quot;,&quot;shutter_speed&quot;:&quot;0&quot;,&quot;title&quot;:&quot;&quot;,&quot;orientation&quot;:&quot;0&quot;}\" data-image-title=\"Capture d\u2019\u00e9cran, le 2023-09-08 \u00e0 10.01.37\" data-image-description=\"\" data-medium-file=\"https:\/\/i0.wp.com\/itayachtscanada.com\/wp-content\/uploads\/2023\/09\/Capture-decran-le-2023-09-08-a-10.01.37.png?fit=300%2C223&#038;ssl=1\" data-large-file=\"https:\/\/i0.wp.com\/itayachtscanada.com\/wp-content\/uploads\/2023\/09\/Capture-decran-le-2023-09-08-a-10.01.37.png?fit=700%2C521&#038;ssl=1\" src=\"https:\/\/i0.wp.com\/itayachtscanada.com\/wp-content\/uploads\/2023\/09\/Capture-decran-le-2023-09-08-a-10.01.37.png?w=229&#038;h=170&#038;ssl=1\" srcset=\"https:\/\/i0.wp.com\/itayachtscanada.com\/wp-content\/uploads\/2023\/09\/Capture-decran-le-2023-09-08-a-10.01.37.png?w=980&amp;ssl=1 980w, https:\/\/i0.wp.com\/itayachtscanada.com\/wp-content\/uploads\/2023\/09\/Capture-decran-le-2023-09-08-a-10.01.37.png?resize=300%2C223&amp;ssl=1 300w, https:\/\/i0.wp.com\/itayachtscanada.com\/wp-content\/uploads\/2023\/09\/Capture-decran-le-2023-09-08-a-10.01.37.png?resize=768%2C572&amp;ssl=1 768w, https:\/\/i0.wp.com\/itayachtscanada.com\/wp-content\/uploads\/2023\/09\/Capture-decran-le-2023-09-08-a-10.01.37.png?resize=700%2C521&amp;ssl=1 700w, https:\/\/i0.wp.com\/itayachtscanada.com\/wp-content\/uploads\/2023\/09\/Capture-decran-le-2023-09-08-a-10.01.37.png?resize=537%2C400&amp;ssl=1 537w\" width=\"229\" height=\"170\" loading=\"lazy\" data-original-width=\"229\" data-original-height=\"170\" itemprop=\"http:\/\/schema.org\/image\" title=\"Capture d\u2019\u00e9cran, le 2023-09-08 \u00e0 10.01.37\" alt=\"Capture d\u2019\u00e9cran, le 2023-09-08 \u00e0 10.01.37\" style=\"width: 229px; height: 170px;\" \/> <\/a> <\/div> <\/div> <!-- close group --> <\/div> <!-- close row --> <div class=\"gallery-row\" style=\"width: 700px; height: 429px;\" data-original-width=\"700\" data-original-height=\"429\" > <div class=\"gallery-group images-3\" style=\"width: 198px; height: 429px;\" data-original-width=\"198\" data-original-height=\"429\" > <div class=\"tiled-gallery-item tiled-gallery-item-small\" itemprop=\"associatedMedia\" itemscope itemtype=\"http:\/\/schema.org\/ImageObject\"> <a href=\"https:\/\/itayachtscanada.com\/fr\/listing\/azimut-s7-2018-2100000-usd-for-sale\/capture-decran-le-2023-09-08-a-10-02-57\/\" border=\"0\" itemprop=\"url\"> <meta itemprop=\"width\" content=\"194\"> <meta itemprop=\"height\" content=\"129\"> <img decoding=\"async\" class=\"\" data-attachment-id=\"132413\" data-orig-file=\"https:\/\/itayachtscanada.com\/wp-content\/uploads\/2023\/09\/Capture-decran-le-2023-09-08-a-10.02.57.png\" data-orig-size=\"1098,730\" data-comments-opened=\"1\" data-image-meta=\"{&quot;aperture&quot;:&quot;0&quot;,&quot;credit&quot;:&quot;&quot;,&quot;camera&quot;:&quot;&quot;,&quot;caption&quot;:&quot;&quot;,&quot;created_timestamp&quot;:&quot;0&quot;,&quot;copyright&quot;:&quot;&quot;,&quot;focal_length&quot;:&quot;0&quot;,&quot;iso&quot;:&quot;0&quot;,&quot;shutter_speed&quot;:&quot;0&quot;,&quot;title&quot;:&quot;&quot;,&quot;orientation&quot;:&quot;0&quot;}\" data-image-title=\"Capture d\u2019\u00e9cran, le 2023-09-08 \u00e0 10.02.57\" data-image-description=\"\" data-medium-file=\"https:\/\/i0.wp.com\/itayachtscanada.com\/wp-content\/uploads\/2023\/09\/Capture-decran-le-2023-09-08-a-10.02.57.png?fit=300%2C199&#038;ssl=1\" data-large-file=\"https:\/\/i0.wp.com\/itayachtscanada.com\/wp-content\/uploads\/2023\/09\/Capture-decran-le-2023-09-08-a-10.02.57.png?fit=700%2C466&#038;ssl=1\" src=\"https:\/\/i0.wp.com\/itayachtscanada.com\/wp-content\/uploads\/2023\/09\/Capture-decran-le-2023-09-08-a-10.02.57.png?w=194&#038;h=129&#038;ssl=1\" srcset=\"https:\/\/i0.wp.com\/itayachtscanada.com\/wp-content\/uploads\/2023\/09\/Capture-decran-le-2023-09-08-a-10.02.57.png?w=1098&amp;ssl=1 1098w, https:\/\/i0.wp.com\/itayachtscanada.com\/wp-content\/uploads\/2023\/09\/Capture-decran-le-2023-09-08-a-10.02.57.png?resize=300%2C199&amp;ssl=1 300w, https:\/\/i0.wp.com\/itayachtscanada.com\/wp-content\/uploads\/2023\/09\/Capture-decran-le-2023-09-08-a-10.02.57.png?resize=1024%2C681&amp;ssl=1 1024w, https:\/\/i0.wp.com\/itayachtscanada.com\/wp-content\/uploads\/2023\/09\/Capture-decran-le-2023-09-08-a-10.02.57.png?resize=768%2C511&amp;ssl=1 768w, https:\/\/i0.wp.com\/itayachtscanada.com\/wp-content\/uploads\/2023\/09\/Capture-decran-le-2023-09-08-a-10.02.57.png?resize=700%2C465&amp;ssl=1 700w, https:\/\/i0.wp.com\/itayachtscanada.com\/wp-content\/uploads\/2023\/09\/Capture-decran-le-2023-09-08-a-10.02.57.png?resize=900%2C600&amp;ssl=1 900w, https:\/\/i0.wp.com\/itayachtscanada.com\/wp-content\/uploads\/2023\/09\/Capture-decran-le-2023-09-08-a-10.02.57.png?resize=602%2C400&amp;ssl=1 602w\" width=\"194\" height=\"129\" loading=\"lazy\" data-original-width=\"194\" data-original-height=\"129\" itemprop=\"http:\/\/schema.org\/image\" title=\"Capture d\u2019\u00e9cran, le 2023-09-08 \u00e0 10.02.57\" alt=\"Capture d\u2019\u00e9cran, le 2023-09-08 \u00e0 10.02.57\" style=\"width: 194px; height: 129px;\" \/> <\/a> <\/div> <div class=\"tiled-gallery-item tiled-gallery-item-small\" itemprop=\"associatedMedia\" itemscope itemtype=\"http:\/\/schema.org\/ImageObject\"> <a href=\"https:\/\/itayachtscanada.com\/fr\/listing\/azimut-s7-2018-2100000-usd-for-sale\/capture-decran-le-2023-09-08-a-10-01-31\/\" border=\"0\" itemprop=\"url\"> <meta itemprop=\"width\" content=\"194\"> <meta itemprop=\"height\" content=\"144\"> <img decoding=\"async\" class=\"\" data-attachment-id=\"132438\" data-orig-file=\"https:\/\/itayachtscanada.com\/wp-content\/uploads\/2023\/09\/Capture-decran-le-2023-09-08-a-10.01.31.png\" data-orig-size=\"980,730\" data-comments-opened=\"1\" data-image-meta=\"{&quot;aperture&quot;:&quot;0&quot;,&quot;credit&quot;:&quot;&quot;,&quot;camera&quot;:&quot;&quot;,&quot;caption&quot;:&quot;&quot;,&quot;created_timestamp&quot;:&quot;0&quot;,&quot;copyright&quot;:&quot;&quot;,&quot;focal_length&quot;:&quot;0&quot;,&quot;iso&quot;:&quot;0&quot;,&quot;shutter_speed&quot;:&quot;0&quot;,&quot;title&quot;:&quot;&quot;,&quot;orientation&quot;:&quot;0&quot;}\" data-image-title=\"Capture d\u2019\u00e9cran, le 2023-09-08 \u00e0 10.01.31\" data-image-description=\"\" data-medium-file=\"https:\/\/i0.wp.com\/itayachtscanada.com\/wp-content\/uploads\/2023\/09\/Capture-decran-le-2023-09-08-a-10.01.31.png?fit=300%2C223&#038;ssl=1\" data-large-file=\"https:\/\/i0.wp.com\/itayachtscanada.com\/wp-content\/uploads\/2023\/09\/Capture-decran-le-2023-09-08-a-10.01.31.png?fit=700%2C521&#038;ssl=1\" src=\"https:\/\/i0.wp.com\/itayachtscanada.com\/wp-content\/uploads\/2023\/09\/Capture-decran-le-2023-09-08-a-10.01.31.png?w=194&#038;h=144&#038;ssl=1\" srcset=\"https:\/\/i0.wp.com\/itayachtscanada.com\/wp-content\/uploads\/2023\/09\/Capture-decran-le-2023-09-08-a-10.01.31.png?w=980&amp;ssl=1 980w, https:\/\/i0.wp.com\/itayachtscanada.com\/wp-content\/uploads\/2023\/09\/Capture-decran-le-2023-09-08-a-10.01.31.png?resize=300%2C223&amp;ssl=1 300w, https:\/\/i0.wp.com\/itayachtscanada.com\/wp-content\/uploads\/2023\/09\/Capture-decran-le-2023-09-08-a-10.01.31.png?resize=768%2C572&amp;ssl=1 768w, https:\/\/i0.wp.com\/itayachtscanada.com\/wp-content\/uploads\/2023\/09\/Capture-decran-le-2023-09-08-a-10.01.31.png?resize=700%2C521&amp;ssl=1 700w, https:\/\/i0.wp.com\/itayachtscanada.com\/wp-content\/uploads\/2023\/09\/Capture-decran-le-2023-09-08-a-10.01.31.png?resize=537%2C400&amp;ssl=1 537w\" width=\"194\" height=\"144\" loading=\"lazy\" data-original-width=\"194\" data-original-height=\"144\" itemprop=\"http:\/\/schema.org\/image\" title=\"Capture d\u2019\u00e9cran, le 2023-09-08 \u00e0 10.01.31\" alt=\"Capture d\u2019\u00e9cran, le 2023-09-08 \u00e0 10.01.31\" style=\"width: 194px; height: 144px;\" \/> <\/a> <\/div> <div class=\"tiled-gallery-item tiled-gallery-item-small\" itemprop=\"associatedMedia\" itemscope itemtype=\"http:\/\/schema.org\/ImageObject\"> <a href=\"https:\/\/itayachtscanada.com\/fr\/listing\/azimut-s7-2018-2100000-usd-for-sale\/capture-decran-le-2023-09-08-a-10-01-27\/\" border=\"0\" itemprop=\"url\"> <meta itemprop=\"width\" content=\"194\"> <meta itemprop=\"height\" content=\"144\"> <img decoding=\"async\" class=\"\" data-attachment-id=\"132439\" data-orig-file=\"https:\/\/itayachtscanada.com\/wp-content\/uploads\/2023\/09\/Capture-decran-le-2023-09-08-a-10.01.27.png\" data-orig-size=\"980,730\" data-comments-opened=\"1\" data-image-meta=\"{&quot;aperture&quot;:&quot;0&quot;,&quot;credit&quot;:&quot;&quot;,&quot;camera&quot;:&quot;&quot;,&quot;caption&quot;:&quot;&quot;,&quot;created_timestamp&quot;:&quot;0&quot;,&quot;copyright&quot;:&quot;&quot;,&quot;focal_length&quot;:&quot;0&quot;,&quot;iso&quot;:&quot;0&quot;,&quot;shutter_speed&quot;:&quot;0&quot;,&quot;title&quot;:&quot;&quot;,&quot;orientation&quot;:&quot;0&quot;}\" data-image-title=\"Capture d\u2019\u00e9cran, le 2023-09-08 \u00e0 10.01.27\" data-image-description=\"\" data-medium-file=\"https:\/\/i0.wp.com\/itayachtscanada.com\/wp-content\/uploads\/2023\/09\/Capture-decran-le-2023-09-08-a-10.01.27.png?fit=300%2C223&#038;ssl=1\" data-large-file=\"https:\/\/i0.wp.com\/itayachtscanada.com\/wp-content\/uploads\/2023\/09\/Capture-decran-le-2023-09-08-a-10.01.27.png?fit=700%2C521&#038;ssl=1\" src=\"https:\/\/i0.wp.com\/itayachtscanada.com\/wp-content\/uploads\/2023\/09\/Capture-decran-le-2023-09-08-a-10.01.27.png?w=194&#038;h=144&#038;ssl=1\" srcset=\"https:\/\/i0.wp.com\/itayachtscanada.com\/wp-content\/uploads\/2023\/09\/Capture-decran-le-2023-09-08-a-10.01.27.png?w=980&amp;ssl=1 980w, https:\/\/i0.wp.com\/itayachtscanada.com\/wp-content\/uploads\/2023\/09\/Capture-decran-le-2023-09-08-a-10.01.27.png?resize=300%2C223&amp;ssl=1 300w, https:\/\/i0.wp.com\/itayachtscanada.com\/wp-content\/uploads\/2023\/09\/Capture-decran-le-2023-09-08-a-10.01.27.png?resize=768%2C572&amp;ssl=1 768w, https:\/\/i0.wp.com\/itayachtscanada.com\/wp-content\/uploads\/2023\/09\/Capture-decran-le-2023-09-08-a-10.01.27.png?resize=700%2C521&amp;ssl=1 700w, https:\/\/i0.wp.com\/itayachtscanada.com\/wp-content\/uploads\/2023\/09\/Capture-decran-le-2023-09-08-a-10.01.27.png?resize=537%2C400&amp;ssl=1 537w\" width=\"194\" height=\"144\" loading=\"lazy\" data-original-width=\"194\" data-original-height=\"144\" itemprop=\"http:\/\/schema.org\/image\" title=\"Capture d\u2019\u00e9cran, le 2023-09-08 \u00e0 10.01.27\" alt=\"Capture d\u2019\u00e9cran, le 2023-09-08 \u00e0 10.01.27\" style=\"width: 194px; height: 144px;\" \/> <\/a> <\/div> <\/div> <!-- close group --> <div class=\"gallery-group images-1\" style=\"width: 287px; height: 429px;\" data-original-width=\"287\" data-original-height=\"429\" > <div class=\"tiled-gallery-item tiled-gallery-item-large\" itemprop=\"associatedMedia\" itemscope itemtype=\"http:\/\/schema.org\/ImageObject\"> <a href=\"https:\/\/itayachtscanada.com\/fr\/listing\/azimut-s7-2018-2100000-usd-for-sale\/capture-decran-le-2023-09-08-a-10-03-52\/\" border=\"0\" itemprop=\"url\"> <meta itemprop=\"width\" content=\"283\"> <meta itemprop=\"height\" content=\"425\"> <img decoding=\"async\" class=\"\" data-attachment-id=\"132399\" data-orig-file=\"https:\/\/itayachtscanada.com\/wp-content\/uploads\/2023\/09\/Capture-decran-le-2023-09-08-a-10.03.52.png\" data-orig-size=\"486,730\" data-comments-opened=\"1\" data-image-meta=\"{&quot;aperture&quot;:&quot;0&quot;,&quot;credit&quot;:&quot;&quot;,&quot;camera&quot;:&quot;&quot;,&quot;caption&quot;:&quot;&quot;,&quot;created_timestamp&quot;:&quot;0&quot;,&quot;copyright&quot;:&quot;&quot;,&quot;focal_length&quot;:&quot;0&quot;,&quot;iso&quot;:&quot;0&quot;,&quot;shutter_speed&quot;:&quot;0&quot;,&quot;title&quot;:&quot;&quot;,&quot;orientation&quot;:&quot;0&quot;}\" data-image-title=\"Capture d\u2019\u00e9cran, le 2023-09-08 \u00e0 10.03.52\" data-image-description=\"\" data-medium-file=\"https:\/\/i0.wp.com\/itayachtscanada.com\/wp-content\/uploads\/2023\/09\/Capture-decran-le-2023-09-08-a-10.03.52.png?fit=200%2C300&#038;ssl=1\" data-large-file=\"https:\/\/i0.wp.com\/itayachtscanada.com\/wp-content\/uploads\/2023\/09\/Capture-decran-le-2023-09-08-a-10.03.52.png?fit=486%2C730&#038;ssl=1\" src=\"https:\/\/i0.wp.com\/itayachtscanada.com\/wp-content\/uploads\/2023\/09\/Capture-decran-le-2023-09-08-a-10.03.52.png?w=283&#038;h=425&#038;ssl=1\" srcset=\"https:\/\/i0.wp.com\/itayachtscanada.com\/wp-content\/uploads\/2023\/09\/Capture-decran-le-2023-09-08-a-10.03.52.png?w=486&amp;ssl=1 486w, https:\/\/i0.wp.com\/itayachtscanada.com\/wp-content\/uploads\/2023\/09\/Capture-decran-le-2023-09-08-a-10.03.52.png?resize=200%2C300&amp;ssl=1 200w, https:\/\/i0.wp.com\/itayachtscanada.com\/wp-content\/uploads\/2023\/09\/Capture-decran-le-2023-09-08-a-10.03.52.png?resize=266%2C400&amp;ssl=1 266w\" width=\"283\" height=\"425\" loading=\"lazy\" data-original-width=\"283\" data-original-height=\"425\" itemprop=\"http:\/\/schema.org\/image\" title=\"Capture d\u2019\u00e9cran, le 2023-09-08 \u00e0 10.03.52\" alt=\"Capture d\u2019\u00e9cran, le 2023-09-08 \u00e0 10.03.52\" style=\"width: 283px; height: 425px;\" \/> <\/a> <\/div> <\/div> <!-- close group --> <div class=\"gallery-group images-3\" style=\"width: 215px; height: 429px;\" data-original-width=\"215\" data-original-height=\"429\" > <div class=\"tiled-gallery-item tiled-gallery-item-small\" itemprop=\"associatedMedia\" itemscope itemtype=\"http:\/\/schema.org\/ImageObject\"> <a href=\"https:\/\/itayachtscanada.com\/fr\/listing\/azimut-s7-2018-2100000-usd-for-sale\/capture-decran-le-2023-09-08-a-10-03-45\/\" border=\"0\" itemprop=\"url\"> <meta itemprop=\"width\" content=\"211\"> <meta itemprop=\"height\" content=\"139\"> <img decoding=\"async\" class=\"\" data-attachment-id=\"132400\" data-orig-file=\"https:\/\/itayachtscanada.com\/wp-content\/uploads\/2023\/09\/Capture-decran-le-2023-09-08-a-10.03.45.png\" data-orig-size=\"1104,730\" data-comments-opened=\"1\" data-image-meta=\"{&quot;aperture&quot;:&quot;0&quot;,&quot;credit&quot;:&quot;&quot;,&quot;camera&quot;:&quot;&quot;,&quot;caption&quot;:&quot;&quot;,&quot;created_timestamp&quot;:&quot;0&quot;,&quot;copyright&quot;:&quot;&quot;,&quot;focal_length&quot;:&quot;0&quot;,&quot;iso&quot;:&quot;0&quot;,&quot;shutter_speed&quot;:&quot;0&quot;,&quot;title&quot;:&quot;&quot;,&quot;orientation&quot;:&quot;0&quot;}\" data-image-title=\"Capture d\u2019\u00e9cran, le 2023-09-08 \u00e0 10.03.45\" data-image-description=\"\" data-medium-file=\"https:\/\/i0.wp.com\/itayachtscanada.com\/wp-content\/uploads\/2023\/09\/Capture-decran-le-2023-09-08-a-10.03.45.png?fit=300%2C198&#038;ssl=1\" data-large-file=\"https:\/\/i0.wp.com\/itayachtscanada.com\/wp-content\/uploads\/2023\/09\/Capture-decran-le-2023-09-08-a-10.03.45.png?fit=700%2C463&#038;ssl=1\" src=\"https:\/\/i0.wp.com\/itayachtscanada.com\/wp-content\/uploads\/2023\/09\/Capture-decran-le-2023-09-08-a-10.03.45.png?w=211&#038;h=139&#038;ssl=1\" srcset=\"https:\/\/i0.wp.com\/itayachtscanada.com\/wp-content\/uploads\/2023\/09\/Capture-decran-le-2023-09-08-a-10.03.45.png?w=1104&amp;ssl=1 1104w, https:\/\/i0.wp.com\/itayachtscanada.com\/wp-content\/uploads\/2023\/09\/Capture-decran-le-2023-09-08-a-10.03.45.png?resize=300%2C198&amp;ssl=1 300w, https:\/\/i0.wp.com\/itayachtscanada.com\/wp-content\/uploads\/2023\/09\/Capture-decran-le-2023-09-08-a-10.03.45.png?resize=1024%2C677&amp;ssl=1 1024w, https:\/\/i0.wp.com\/itayachtscanada.com\/wp-content\/uploads\/2023\/09\/Capture-decran-le-2023-09-08-a-10.03.45.png?resize=768%2C508&amp;ssl=1 768w, https:\/\/i0.wp.com\/itayachtscanada.com\/wp-content\/uploads\/2023\/09\/Capture-decran-le-2023-09-08-a-10.03.45.png?resize=700%2C463&amp;ssl=1 700w, https:\/\/i0.wp.com\/itayachtscanada.com\/wp-content\/uploads\/2023\/09\/Capture-decran-le-2023-09-08-a-10.03.45.png?resize=605%2C400&amp;ssl=1 605w\" width=\"211\" height=\"139\" loading=\"lazy\" data-original-width=\"211\" data-original-height=\"139\" itemprop=\"http:\/\/schema.org\/image\" title=\"Capture d\u2019\u00e9cran, le 2023-09-08 \u00e0 10.03.45\" alt=\"Capture d\u2019\u00e9cran, le 2023-09-08 \u00e0 10.03.45\" style=\"width: 211px; height: 139px;\" \/> <\/a> <\/div> <div class=\"tiled-gallery-item tiled-gallery-item-small\" itemprop=\"associatedMedia\" itemscope itemtype=\"http:\/\/schema.org\/ImageObject\"> <a href=\"https:\/\/itayachtscanada.com\/fr\/listing\/azimut-s7-2018-2100000-usd-for-sale\/capture-decran-le-2023-09-08-a-10-04-04\/\" border=\"0\" itemprop=\"url\"> <meta itemprop=\"width\" content=\"211\"> <meta itemprop=\"height\" content=\"139\"> <img decoding=\"async\" class=\"\" data-attachment-id=\"132397\" data-orig-file=\"https:\/\/itayachtscanada.com\/wp-content\/uploads\/2023\/09\/Capture-decran-le-2023-09-08-a-10.04.04.png\" data-orig-size=\"1108,730\" data-comments-opened=\"1\" data-image-meta=\"{&quot;aperture&quot;:&quot;0&quot;,&quot;credit&quot;:&quot;&quot;,&quot;camera&quot;:&quot;&quot;,&quot;caption&quot;:&quot;&quot;,&quot;created_timestamp&quot;:&quot;0&quot;,&quot;copyright&quot;:&quot;&quot;,&quot;focal_length&quot;:&quot;0&quot;,&quot;iso&quot;:&quot;0&quot;,&quot;shutter_speed&quot;:&quot;0&quot;,&quot;title&quot;:&quot;&quot;,&quot;orientation&quot;:&quot;0&quot;}\" data-image-title=\"Capture d\u2019\u00e9cran, le 2023-09-08 \u00e0 10.04.04\" data-image-description=\"\" data-medium-file=\"https:\/\/i0.wp.com\/itayachtscanada.com\/wp-content\/uploads\/2023\/09\/Capture-decran-le-2023-09-08-a-10.04.04.png?fit=300%2C198&#038;ssl=1\" data-large-file=\"https:\/\/i0.wp.com\/itayachtscanada.com\/wp-content\/uploads\/2023\/09\/Capture-decran-le-2023-09-08-a-10.04.04.png?fit=700%2C461&#038;ssl=1\" src=\"https:\/\/i0.wp.com\/itayachtscanada.com\/wp-content\/uploads\/2023\/09\/Capture-decran-le-2023-09-08-a-10.04.04.png?w=211&#038;h=139&#038;ssl=1\" srcset=\"https:\/\/i0.wp.com\/itayachtscanada.com\/wp-content\/uploads\/2023\/09\/Capture-decran-le-2023-09-08-a-10.04.04.png?w=1108&amp;ssl=1 1108w, https:\/\/i0.wp.com\/itayachtscanada.com\/wp-content\/uploads\/2023\/09\/Capture-decran-le-2023-09-08-a-10.04.04.png?resize=300%2C198&amp;ssl=1 300w, https:\/\/i0.wp.com\/itayachtscanada.com\/wp-content\/uploads\/2023\/09\/Capture-decran-le-2023-09-08-a-10.04.04.png?resize=1024%2C675&amp;ssl=1 1024w, https:\/\/i0.wp.com\/itayachtscanada.com\/wp-content\/uploads\/2023\/09\/Capture-decran-le-2023-09-08-a-10.04.04.png?resize=768%2C506&amp;ssl=1 768w, https:\/\/i0.wp.com\/itayachtscanada.com\/wp-content\/uploads\/2023\/09\/Capture-decran-le-2023-09-08-a-10.04.04.png?resize=700%2C461&amp;ssl=1 700w, https:\/\/i0.wp.com\/itayachtscanada.com\/wp-content\/uploads\/2023\/09\/Capture-decran-le-2023-09-08-a-10.04.04.png?resize=607%2C400&amp;ssl=1 607w\" width=\"211\" height=\"139\" loading=\"lazy\" data-original-width=\"211\" data-original-height=\"139\" itemprop=\"http:\/\/schema.org\/image\" title=\"Capture d\u2019\u00e9cran, le 2023-09-08 \u00e0 10.04.04\" alt=\"Capture d\u2019\u00e9cran, le 2023-09-08 \u00e0 10.04.04\" style=\"width: 211px; height: 139px;\" \/> <\/a> <\/div> <div class=\"tiled-gallery-item tiled-gallery-item-small\" itemprop=\"associatedMedia\" itemscope itemtype=\"http:\/\/schema.org\/ImageObject\"> <a href=\"https:\/\/itayachtscanada.com\/fr\/listing\/azimut-s7-2018-2100000-usd-for-sale\/capture-decran-le-2023-09-08-a-10-04-01\/\" border=\"0\" itemprop=\"url\"> <meta itemprop=\"width\" content=\"211\"> <meta itemprop=\"height\" content=\"139\"> <img decoding=\"async\" class=\"\" data-attachment-id=\"132398\" data-orig-file=\"https:\/\/itayachtscanada.com\/wp-content\/uploads\/2023\/09\/Capture-decran-le-2023-09-08-a-10.04.01.png\" data-orig-size=\"1108,730\" data-comments-opened=\"1\" data-image-meta=\"{&quot;aperture&quot;:&quot;0&quot;,&quot;credit&quot;:&quot;&quot;,&quot;camera&quot;:&quot;&quot;,&quot;caption&quot;:&quot;&quot;,&quot;created_timestamp&quot;:&quot;0&quot;,&quot;copyright&quot;:&quot;&quot;,&quot;focal_length&quot;:&quot;0&quot;,&quot;iso&quot;:&quot;0&quot;,&quot;shutter_speed&quot;:&quot;0&quot;,&quot;title&quot;:&quot;&quot;,&quot;orientation&quot;:&quot;0&quot;}\" data-image-title=\"Capture d\u2019\u00e9cran, le 2023-09-08 \u00e0 10.04.01\" data-image-description=\"\" data-medium-file=\"https:\/\/i0.wp.com\/itayachtscanada.com\/wp-content\/uploads\/2023\/09\/Capture-decran-le-2023-09-08-a-10.04.01.png?fit=300%2C198&#038;ssl=1\" data-large-file=\"https:\/\/i0.wp.com\/itayachtscanada.com\/wp-content\/uploads\/2023\/09\/Capture-decran-le-2023-09-08-a-10.04.01.png?fit=700%2C461&#038;ssl=1\" src=\"https:\/\/i0.wp.com\/itayachtscanada.com\/wp-content\/uploads\/2023\/09\/Capture-decran-le-2023-09-08-a-10.04.01.png?w=211&#038;h=139&#038;ssl=1\" srcset=\"https:\/\/i0.wp.com\/itayachtscanada.com\/wp-content\/uploads\/2023\/09\/Capture-decran-le-2023-09-08-a-10.04.01.png?w=1108&amp;ssl=1 1108w, https:\/\/i0.wp.com\/itayachtscanada.com\/wp-content\/uploads\/2023\/09\/Capture-decran-le-2023-09-08-a-10.04.01.png?resize=300%2C198&amp;ssl=1 300w, https:\/\/i0.wp.com\/itayachtscanada.com\/wp-content\/uploads\/2023\/09\/Capture-decran-le-2023-09-08-a-10.04.01.png?resize=1024%2C675&amp;ssl=1 1024w, https:\/\/i0.wp.com\/itayachtscanada.com\/wp-content\/uploads\/2023\/09\/Capture-decran-le-2023-09-08-a-10.04.01.png?resize=768%2C506&amp;ssl=1 768w, https:\/\/i0.wp.com\/itayachtscanada.com\/wp-content\/uploads\/2023\/09\/Capture-decran-le-2023-09-08-a-10.04.01.png?resize=700%2C461&amp;ssl=1 700w, https:\/\/i0.wp.com\/itayachtscanada.com\/wp-content\/uploads\/2023\/09\/Capture-decran-le-2023-09-08-a-10.04.01.png?resize=607%2C400&amp;ssl=1 607w\" width=\"211\" height=\"139\" loading=\"lazy\" data-original-width=\"211\" data-original-height=\"139\" itemprop=\"http:\/\/schema.org\/image\" title=\"Capture d\u2019\u00e9cran, le 2023-09-08 \u00e0 10.04.01\" alt=\"Capture d\u2019\u00e9cran, le 2023-09-08 \u00e0 10.04.01\" style=\"width: 211px; height: 139px;\" \/> <\/a> <\/div> <\/div> <!-- close group --> <\/div> <!-- close row --> <div class=\"gallery-row\" style=\"width: 700px; height: 324px;\" data-original-width=\"700\" data-original-height=\"324\" > <div class=\"gallery-group images-2\" style=\"width: 242px; height: 324px;\" data-original-width=\"242\" data-original-height=\"324\" > <div class=\"tiled-gallery-item tiled-gallery-item-small\" itemprop=\"associatedMedia\" itemscope itemtype=\"http:\/\/schema.org\/ImageObject\"> <a href=\"https:\/\/itayachtscanada.com\/fr\/listing\/azimut-s7-2018-2100000-usd-for-sale\/capture-decran-le-2023-09-08-a-10-03-41\/\" border=\"0\" itemprop=\"url\"> <meta itemprop=\"width\" content=\"238\"> <meta itemprop=\"height\" content=\"158\"> <img decoding=\"async\" class=\"\" data-attachment-id=\"132401\" data-orig-file=\"https:\/\/itayachtscanada.com\/wp-content\/uploads\/2023\/09\/Capture-decran-le-2023-09-08-a-10.03.41.png\" data-orig-size=\"1104,730\" data-comments-opened=\"1\" data-image-meta=\"{&quot;aperture&quot;:&quot;0&quot;,&quot;credit&quot;:&quot;&quot;,&quot;camera&quot;:&quot;&quot;,&quot;caption&quot;:&quot;&quot;,&quot;created_timestamp&quot;:&quot;0&quot;,&quot;copyright&quot;:&quot;&quot;,&quot;focal_length&quot;:&quot;0&quot;,&quot;iso&quot;:&quot;0&quot;,&quot;shutter_speed&quot;:&quot;0&quot;,&quot;title&quot;:&quot;&quot;,&quot;orientation&quot;:&quot;0&quot;}\" data-image-title=\"Capture d\u2019\u00e9cran, le 2023-09-08 \u00e0 10.03.41\" data-image-description=\"\" data-medium-file=\"https:\/\/i0.wp.com\/itayachtscanada.com\/wp-content\/uploads\/2023\/09\/Capture-decran-le-2023-09-08-a-10.03.41.png?fit=300%2C198&#038;ssl=1\" data-large-file=\"https:\/\/i0.wp.com\/itayachtscanada.com\/wp-content\/uploads\/2023\/09\/Capture-decran-le-2023-09-08-a-10.03.41.png?fit=700%2C463&#038;ssl=1\" src=\"https:\/\/i0.wp.com\/itayachtscanada.com\/wp-content\/uploads\/2023\/09\/Capture-decran-le-2023-09-08-a-10.03.41.png?w=238&#038;h=158&#038;ssl=1\" srcset=\"https:\/\/i0.wp.com\/itayachtscanada.com\/wp-content\/uploads\/2023\/09\/Capture-decran-le-2023-09-08-a-10.03.41.png?w=1104&amp;ssl=1 1104w, https:\/\/i0.wp.com\/itayachtscanada.com\/wp-content\/uploads\/2023\/09\/Capture-decran-le-2023-09-08-a-10.03.41.png?resize=300%2C198&amp;ssl=1 300w, https:\/\/i0.wp.com\/itayachtscanada.com\/wp-content\/uploads\/2023\/09\/Capture-decran-le-2023-09-08-a-10.03.41.png?resize=1024%2C677&amp;ssl=1 1024w, https:\/\/i0.wp.com\/itayachtscanada.com\/wp-content\/uploads\/2023\/09\/Capture-decran-le-2023-09-08-a-10.03.41.png?resize=768%2C508&amp;ssl=1 768w, https:\/\/i0.wp.com\/itayachtscanada.com\/wp-content\/uploads\/2023\/09\/Capture-decran-le-2023-09-08-a-10.03.41.png?resize=700%2C463&amp;ssl=1 700w, https:\/\/i0.wp.com\/itayachtscanada.com\/wp-content\/uploads\/2023\/09\/Capture-decran-le-2023-09-08-a-10.03.41.png?resize=900%2C600&amp;ssl=1 900w, https:\/\/i0.wp.com\/itayachtscanada.com\/wp-content\/uploads\/2023\/09\/Capture-decran-le-2023-09-08-a-10.03.41.png?resize=605%2C400&amp;ssl=1 605w\" width=\"238\" height=\"158\" loading=\"lazy\" data-original-width=\"238\" data-original-height=\"158\" itemprop=\"http:\/\/schema.org\/image\" title=\"Capture d\u2019\u00e9cran, le 2023-09-08 \u00e0 10.03.41\" alt=\"Capture d\u2019\u00e9cran, le 2023-09-08 \u00e0 10.03.41\" style=\"width: 238px; height: 158px;\" \/> <\/a> <\/div> <div class=\"tiled-gallery-item tiled-gallery-item-small\" itemprop=\"associatedMedia\" itemscope itemtype=\"http:\/\/schema.org\/ImageObject\"> <a href=\"https:\/\/itayachtscanada.com\/fr\/listing\/azimut-s7-2018-2100000-usd-for-sale\/capture-decran-le-2023-09-08-a-10-03-22\/\" border=\"0\" itemprop=\"url\"> <meta itemprop=\"width\" content=\"238\"> <meta itemprop=\"height\" content=\"158\"> <img decoding=\"async\" class=\"\" data-attachment-id=\"132404\" data-orig-file=\"https:\/\/itayachtscanada.com\/wp-content\/uploads\/2023\/09\/Capture-decran-le-2023-09-08-a-10.03.22.png\" data-orig-size=\"1098,730\" data-comments-opened=\"1\" data-image-meta=\"{&quot;aperture&quot;:&quot;0&quot;,&quot;credit&quot;:&quot;&quot;,&quot;camera&quot;:&quot;&quot;,&quot;caption&quot;:&quot;&quot;,&quot;created_timestamp&quot;:&quot;0&quot;,&quot;copyright&quot;:&quot;&quot;,&quot;focal_length&quot;:&quot;0&quot;,&quot;iso&quot;:&quot;0&quot;,&quot;shutter_speed&quot;:&quot;0&quot;,&quot;title&quot;:&quot;&quot;,&quot;orientation&quot;:&quot;0&quot;}\" data-image-title=\"Capture d\u2019\u00e9cran, le 2023-09-08 \u00e0 10.03.22\" data-image-description=\"\" data-medium-file=\"https:\/\/i0.wp.com\/itayachtscanada.com\/wp-content\/uploads\/2023\/09\/Capture-decran-le-2023-09-08-a-10.03.22.png?fit=300%2C199&#038;ssl=1\" data-large-file=\"https:\/\/i0.wp.com\/itayachtscanada.com\/wp-content\/uploads\/2023\/09\/Capture-decran-le-2023-09-08-a-10.03.22.png?fit=700%2C466&#038;ssl=1\" src=\"https:\/\/i0.wp.com\/itayachtscanada.com\/wp-content\/uploads\/2023\/09\/Capture-decran-le-2023-09-08-a-10.03.22.png?w=238&#038;h=158&#038;ssl=1\" srcset=\"https:\/\/i0.wp.com\/itayachtscanada.com\/wp-content\/uploads\/2023\/09\/Capture-decran-le-2023-09-08-a-10.03.22.png?w=1098&amp;ssl=1 1098w, https:\/\/i0.wp.com\/itayachtscanada.com\/wp-content\/uploads\/2023\/09\/Capture-decran-le-2023-09-08-a-10.03.22.png?resize=300%2C199&amp;ssl=1 300w, https:\/\/i0.wp.com\/itayachtscanada.com\/wp-content\/uploads\/2023\/09\/Capture-decran-le-2023-09-08-a-10.03.22.png?resize=1024%2C681&amp;ssl=1 1024w, https:\/\/i0.wp.com\/itayachtscanada.com\/wp-content\/uploads\/2023\/09\/Capture-decran-le-2023-09-08-a-10.03.22.png?resize=768%2C511&amp;ssl=1 768w, https:\/\/i0.wp.com\/itayachtscanada.com\/wp-content\/uploads\/2023\/09\/Capture-decran-le-2023-09-08-a-10.03.22.png?resize=700%2C465&amp;ssl=1 700w, https:\/\/i0.wp.com\/itayachtscanada.com\/wp-content\/uploads\/2023\/09\/Capture-decran-le-2023-09-08-a-10.03.22.png?resize=900%2C600&amp;ssl=1 900w, https:\/\/i0.wp.com\/itayachtscanada.com\/wp-content\/uploads\/2023\/09\/Capture-decran-le-2023-09-08-a-10.03.22.png?resize=602%2C400&amp;ssl=1 602w\" width=\"238\" height=\"158\" loading=\"lazy\" data-original-width=\"238\" data-original-height=\"158\" itemprop=\"http:\/\/schema.org\/image\" title=\"Capture d\u2019\u00e9cran, le 2023-09-08 \u00e0 10.03.22\" alt=\"Capture d\u2019\u00e9cran, le 2023-09-08 \u00e0 10.03.22\" style=\"width: 238px; height: 158px;\" \/> <\/a> <\/div> <\/div> <!-- close group --> <div class=\"gallery-group images-1\" style=\"width: 217px; height: 324px;\" data-original-width=\"217\" data-original-height=\"324\" > <div class=\"tiled-gallery-item tiled-gallery-item-small\" itemprop=\"associatedMedia\" itemscope itemtype=\"http:\/\/schema.org\/ImageObject\"> <a href=\"https:\/\/itayachtscanada.com\/fr\/listing\/azimut-s7-2018-2100000-usd-for-sale\/capture-decran-le-2023-09-08-a-10-03-32\/\" border=\"0\" itemprop=\"url\"> <meta itemprop=\"width\" content=\"213\"> <meta itemprop=\"height\" content=\"320\"> <img decoding=\"async\" class=\"\" data-attachment-id=\"132402\" data-orig-file=\"https:\/\/itayachtscanada.com\/wp-content\/uploads\/2023\/09\/Capture-decran-le-2023-09-08-a-10.03.32.png\" data-orig-size=\"486,730\" data-comments-opened=\"1\" data-image-meta=\"{&quot;aperture&quot;:&quot;0&quot;,&quot;credit&quot;:&quot;&quot;,&quot;camera&quot;:&quot;&quot;,&quot;caption&quot;:&quot;&quot;,&quot;created_timestamp&quot;:&quot;0&quot;,&quot;copyright&quot;:&quot;&quot;,&quot;focal_length&quot;:&quot;0&quot;,&quot;iso&quot;:&quot;0&quot;,&quot;shutter_speed&quot;:&quot;0&quot;,&quot;title&quot;:&quot;&quot;,&quot;orientation&quot;:&quot;0&quot;}\" data-image-title=\"Capture d\u2019\u00e9cran, le 2023-09-08 \u00e0 10.03.32\" data-image-description=\"\" data-medium-file=\"https:\/\/i0.wp.com\/itayachtscanada.com\/wp-content\/uploads\/2023\/09\/Capture-decran-le-2023-09-08-a-10.03.32.png?fit=200%2C300&#038;ssl=1\" data-large-file=\"https:\/\/i0.wp.com\/itayachtscanada.com\/wp-content\/uploads\/2023\/09\/Capture-decran-le-2023-09-08-a-10.03.32.png?fit=486%2C730&#038;ssl=1\" src=\"https:\/\/i0.wp.com\/itayachtscanada.com\/wp-content\/uploads\/2023\/09\/Capture-decran-le-2023-09-08-a-10.03.32.png?w=213&#038;h=320&#038;ssl=1\" srcset=\"https:\/\/i0.wp.com\/itayachtscanada.com\/wp-content\/uploads\/2023\/09\/Capture-decran-le-2023-09-08-a-10.03.32.png?w=486&amp;ssl=1 486w, https:\/\/i0.wp.com\/itayachtscanada.com\/wp-content\/uploads\/2023\/09\/Capture-decran-le-2023-09-08-a-10.03.32.png?resize=200%2C300&amp;ssl=1 200w, https:\/\/i0.wp.com\/itayachtscanada.com\/wp-content\/uploads\/2023\/09\/Capture-decran-le-2023-09-08-a-10.03.32.png?resize=266%2C400&amp;ssl=1 266w\" width=\"213\" height=\"320\" loading=\"lazy\" data-original-width=\"213\" data-original-height=\"320\" itemprop=\"http:\/\/schema.org\/image\" title=\"Capture d\u2019\u00e9cran, le 2023-09-08 \u00e0 10.03.32\" alt=\"Capture d\u2019\u00e9cran, le 2023-09-08 \u00e0 10.03.32\" style=\"width: 213px; height: 320px;\" \/> <\/a> <\/div> <\/div> <!-- close group --> <div class=\"gallery-group images-2\" style=\"width: 241px; height: 324px;\" data-original-width=\"241\" data-original-height=\"324\" > <div class=\"tiled-gallery-item tiled-gallery-item-small\" itemprop=\"associatedMedia\" itemscope itemtype=\"http:\/\/schema.org\/ImageObject\"> <a href=\"https:\/\/itayachtscanada.com\/fr\/listing\/azimut-s7-2018-2100000-usd-for-sale\/capture-decran-le-2023-09-08-a-10-03-25\/\" border=\"0\" itemprop=\"url\"> <meta itemprop=\"width\" content=\"237\"> <meta itemprop=\"height\" content=\"158\"> <img decoding=\"async\" class=\"\" data-attachment-id=\"132403\" data-orig-file=\"https:\/\/itayachtscanada.com\/wp-content\/uploads\/2023\/09\/Capture-decran-le-2023-09-08-a-10.03.25.png\" data-orig-size=\"1098,730\" data-comments-opened=\"1\" data-image-meta=\"{&quot;aperture&quot;:&quot;0&quot;,&quot;credit&quot;:&quot;&quot;,&quot;camera&quot;:&quot;&quot;,&quot;caption&quot;:&quot;&quot;,&quot;created_timestamp&quot;:&quot;0&quot;,&quot;copyright&quot;:&quot;&quot;,&quot;focal_length&quot;:&quot;0&quot;,&quot;iso&quot;:&quot;0&quot;,&quot;shutter_speed&quot;:&quot;0&quot;,&quot;title&quot;:&quot;&quot;,&quot;orientation&quot;:&quot;0&quot;}\" data-image-title=\"Capture d\u2019\u00e9cran, le 2023-09-08 \u00e0 10.03.25\" data-image-description=\"\" data-medium-file=\"https:\/\/i0.wp.com\/itayachtscanada.com\/wp-content\/uploads\/2023\/09\/Capture-decran-le-2023-09-08-a-10.03.25.png?fit=300%2C199&#038;ssl=1\" data-large-file=\"https:\/\/i0.wp.com\/itayachtscanada.com\/wp-content\/uploads\/2023\/09\/Capture-decran-le-2023-09-08-a-10.03.25.png?fit=700%2C466&#038;ssl=1\" src=\"https:\/\/i0.wp.com\/itayachtscanada.com\/wp-content\/uploads\/2023\/09\/Capture-decran-le-2023-09-08-a-10.03.25.png?w=237&#038;h=158&#038;ssl=1\" srcset=\"https:\/\/i0.wp.com\/itayachtscanada.com\/wp-content\/uploads\/2023\/09\/Capture-decran-le-2023-09-08-a-10.03.25.png?w=1098&amp;ssl=1 1098w, https:\/\/i0.wp.com\/itayachtscanada.com\/wp-content\/uploads\/2023\/09\/Capture-decran-le-2023-09-08-a-10.03.25.png?resize=300%2C199&amp;ssl=1 300w, https:\/\/i0.wp.com\/itayachtscanada.com\/wp-content\/uploads\/2023\/09\/Capture-decran-le-2023-09-08-a-10.03.25.png?resize=1024%2C681&amp;ssl=1 1024w, https:\/\/i0.wp.com\/itayachtscanada.com\/wp-content\/uploads\/2023\/09\/Capture-decran-le-2023-09-08-a-10.03.25.png?resize=768%2C511&amp;ssl=1 768w, https:\/\/i0.wp.com\/itayachtscanada.com\/wp-content\/uploads\/2023\/09\/Capture-decran-le-2023-09-08-a-10.03.25.png?resize=700%2C465&amp;ssl=1 700w, https:\/\/i0.wp.com\/itayachtscanada.com\/wp-content\/uploads\/2023\/09\/Capture-decran-le-2023-09-08-a-10.03.25.png?resize=900%2C600&amp;ssl=1 900w, https:\/\/i0.wp.com\/itayachtscanada.com\/wp-content\/uploads\/2023\/09\/Capture-decran-le-2023-09-08-a-10.03.25.png?resize=602%2C400&amp;ssl=1 602w\" width=\"237\" height=\"158\" loading=\"lazy\" data-original-width=\"237\" data-original-height=\"158\" itemprop=\"http:\/\/schema.org\/image\" title=\"Capture d\u2019\u00e9cran, le 2023-09-08 \u00e0 10.03.25\" alt=\"Capture d\u2019\u00e9cran, le 2023-09-08 \u00e0 10.03.25\" style=\"width: 237px; height: 158px;\" \/> <\/a> <\/div> <div class=\"tiled-gallery-item tiled-gallery-item-small\" itemprop=\"associatedMedia\" itemscope itemtype=\"http:\/\/schema.org\/ImageObject\"> <a href=\"https:\/\/itayachtscanada.com\/fr\/listing\/azimut-s7-2018-2100000-usd-for-sale\/capture-decran-le-2023-09-08-a-10-03-20\/\" border=\"0\" itemprop=\"url\"> <meta itemprop=\"width\" content=\"237\"> <meta itemprop=\"height\" content=\"158\"> <img decoding=\"async\" class=\"\" data-attachment-id=\"132405\" data-orig-file=\"https:\/\/itayachtscanada.com\/wp-content\/uploads\/2023\/09\/Capture-decran-le-2023-09-08-a-10.03.20.png\" data-orig-size=\"1098,730\" data-comments-opened=\"1\" data-image-meta=\"{&quot;aperture&quot;:&quot;0&quot;,&quot;credit&quot;:&quot;&quot;,&quot;camera&quot;:&quot;&quot;,&quot;caption&quot;:&quot;&quot;,&quot;created_timestamp&quot;:&quot;0&quot;,&quot;copyright&quot;:&quot;&quot;,&quot;focal_length&quot;:&quot;0&quot;,&quot;iso&quot;:&quot;0&quot;,&quot;shutter_speed&quot;:&quot;0&quot;,&quot;title&quot;:&quot;&quot;,&quot;orientation&quot;:&quot;0&quot;}\" data-image-title=\"Capture d\u2019\u00e9cran, le 2023-09-08 \u00e0 10.03.20\" data-image-description=\"\" data-medium-file=\"https:\/\/i0.wp.com\/itayachtscanada.com\/wp-content\/uploads\/2023\/09\/Capture-decran-le-2023-09-08-a-10.03.20.png?fit=300%2C199&#038;ssl=1\" data-large-file=\"https:\/\/i0.wp.com\/itayachtscanada.com\/wp-content\/uploads\/2023\/09\/Capture-decran-le-2023-09-08-a-10.03.20.png?fit=700%2C466&#038;ssl=1\" src=\"https:\/\/i0.wp.com\/itayachtscanada.com\/wp-content\/uploads\/2023\/09\/Capture-decran-le-2023-09-08-a-10.03.20.png?w=237&#038;h=158&#038;ssl=1\" srcset=\"https:\/\/i0.wp.com\/itayachtscanada.com\/wp-content\/uploads\/2023\/09\/Capture-decran-le-2023-09-08-a-10.03.20.png?w=1098&amp;ssl=1 1098w, https:\/\/i0.wp.com\/itayachtscanada.com\/wp-content\/uploads\/2023\/09\/Capture-decran-le-2023-09-08-a-10.03.20.png?resize=300%2C199&amp;ssl=1 300w, https:\/\/i0.wp.com\/itayachtscanada.com\/wp-content\/uploads\/2023\/09\/Capture-decran-le-2023-09-08-a-10.03.20.png?resize=1024%2C681&amp;ssl=1 1024w, https:\/\/i0.wp.com\/itayachtscanada.com\/wp-content\/uploads\/2023\/09\/Capture-decran-le-2023-09-08-a-10.03.20.png?resize=768%2C511&amp;ssl=1 768w, https:\/\/i0.wp.com\/itayachtscanada.com\/wp-content\/uploads\/2023\/09\/Capture-decran-le-2023-09-08-a-10.03.20.png?resize=700%2C465&amp;ssl=1 700w, https:\/\/i0.wp.com\/itayachtscanada.com\/wp-content\/uploads\/2023\/09\/Capture-decran-le-2023-09-08-a-10.03.20.png?resize=900%2C600&amp;ssl=1 900w, https:\/\/i0.wp.com\/itayachtscanada.com\/wp-content\/uploads\/2023\/09\/Capture-decran-le-2023-09-08-a-10.03.20.png?resize=602%2C400&amp;ssl=1 602w\" width=\"237\" height=\"158\" loading=\"lazy\" data-original-width=\"237\" data-original-height=\"158\" itemprop=\"http:\/\/schema.org\/image\" title=\"Capture d\u2019\u00e9cran, le 2023-09-08 \u00e0 10.03.20\" alt=\"Capture d\u2019\u00e9cran, le 2023-09-08 \u00e0 10.03.20\" style=\"width: 237px; height: 158px;\" \/> <\/a> <\/div> <\/div> <!-- close group --> <\/div> <!-- close row --> <div class=\"gallery-row\" style=\"width: 700px; height: 155px;\" data-original-width=\"700\" data-original-height=\"155\" > <div class=\"gallery-group images-1\" style=\"width: 234px; height: 155px;\" data-original-width=\"234\" data-original-height=\"155\" > <div class=\"tiled-gallery-item tiled-gallery-item-small\" itemprop=\"associatedMedia\" itemscope itemtype=\"http:\/\/schema.org\/ImageObject\"> <a href=\"https:\/\/itayachtscanada.com\/fr\/listing\/azimut-s7-2018-2100000-usd-for-sale\/capture-decran-le-2023-09-08-a-10-01-20\/\" border=\"0\" itemprop=\"url\"> <meta itemprop=\"width\" content=\"230\"> <meta itemprop=\"height\" content=\"151\"> <img decoding=\"async\" class=\"\" data-attachment-id=\"132440\" data-orig-file=\"https:\/\/itayachtscanada.com\/wp-content\/uploads\/2023\/09\/Capture-decran-le-2023-09-08-a-10.01.20.png\" data-orig-size=\"1106,730\" data-comments-opened=\"1\" data-image-meta=\"{&quot;aperture&quot;:&quot;0&quot;,&quot;credit&quot;:&quot;&quot;,&quot;camera&quot;:&quot;&quot;,&quot;caption&quot;:&quot;&quot;,&quot;created_timestamp&quot;:&quot;0&quot;,&quot;copyright&quot;:&quot;&quot;,&quot;focal_length&quot;:&quot;0&quot;,&quot;iso&quot;:&quot;0&quot;,&quot;shutter_speed&quot;:&quot;0&quot;,&quot;title&quot;:&quot;&quot;,&quot;orientation&quot;:&quot;0&quot;}\" data-image-title=\"Capture d\u2019\u00e9cran, le 2023-09-08 \u00e0 10.01.20\" data-image-description=\"\" data-medium-file=\"https:\/\/i0.wp.com\/itayachtscanada.com\/wp-content\/uploads\/2023\/09\/Capture-decran-le-2023-09-08-a-10.01.20.png?fit=300%2C198&#038;ssl=1\" data-large-file=\"https:\/\/i0.wp.com\/itayachtscanada.com\/wp-content\/uploads\/2023\/09\/Capture-decran-le-2023-09-08-a-10.01.20.png?fit=700%2C462&#038;ssl=1\" src=\"https:\/\/i0.wp.com\/itayachtscanada.com\/wp-content\/uploads\/2023\/09\/Capture-decran-le-2023-09-08-a-10.01.20.png?w=230&#038;h=151&#038;ssl=1\" srcset=\"https:\/\/i0.wp.com\/itayachtscanada.com\/wp-content\/uploads\/2023\/09\/Capture-decran-le-2023-09-08-a-10.01.20.png?w=1106&amp;ssl=1 1106w, https:\/\/i0.wp.com\/itayachtscanada.com\/wp-content\/uploads\/2023\/09\/Capture-decran-le-2023-09-08-a-10.01.20.png?resize=300%2C198&amp;ssl=1 300w, https:\/\/i0.wp.com\/itayachtscanada.com\/wp-content\/uploads\/2023\/09\/Capture-decran-le-2023-09-08-a-10.01.20.png?resize=1024%2C676&amp;ssl=1 1024w, https:\/\/i0.wp.com\/itayachtscanada.com\/wp-content\/uploads\/2023\/09\/Capture-decran-le-2023-09-08-a-10.01.20.png?resize=768%2C507&amp;ssl=1 768w, https:\/\/i0.wp.com\/itayachtscanada.com\/wp-content\/uploads\/2023\/09\/Capture-decran-le-2023-09-08-a-10.01.20.png?resize=700%2C462&amp;ssl=1 700w, https:\/\/i0.wp.com\/itayachtscanada.com\/wp-content\/uploads\/2023\/09\/Capture-decran-le-2023-09-08-a-10.01.20.png?resize=606%2C400&amp;ssl=1 606w\" width=\"230\" height=\"151\" loading=\"lazy\" data-original-width=\"230\" data-original-height=\"151\" itemprop=\"http:\/\/schema.org\/image\" title=\"Capture d\u2019\u00e9cran, le 2023-09-08 \u00e0 10.01.20\" alt=\"Capture d\u2019\u00e9cran, le 2023-09-08 \u00e0 10.01.20\" style=\"width: 230px; height: 151px;\" \/> <\/a> <\/div> <\/div> <!-- close group --> <div class=\"gallery-group images-1\" style=\"width: 233px; height: 155px;\" data-original-width=\"233\" data-original-height=\"155\" > <div class=\"tiled-gallery-item tiled-gallery-item-small\" itemprop=\"associatedMedia\" itemscope itemtype=\"http:\/\/schema.org\/ImageObject\"> <a href=\"https:\/\/itayachtscanada.com\/fr\/listing\/azimut-s7-2018-2100000-usd-for-sale\/capture-decran-le-2023-09-08-a-10-01-17\/\" border=\"0\" itemprop=\"url\"> <meta itemprop=\"width\" content=\"229\"> <meta itemprop=\"height\" content=\"151\"> <img decoding=\"async\" class=\"\" data-attachment-id=\"132441\" data-orig-file=\"https:\/\/itayachtscanada.com\/wp-content\/uploads\/2023\/09\/Capture-decran-le-2023-09-08-a-10.01.17.png\" data-orig-size=\"1106,730\" data-comments-opened=\"1\" data-image-meta=\"{&quot;aperture&quot;:&quot;0&quot;,&quot;credit&quot;:&quot;&quot;,&quot;camera&quot;:&quot;&quot;,&quot;caption&quot;:&quot;&quot;,&quot;created_timestamp&quot;:&quot;0&quot;,&quot;copyright&quot;:&quot;&quot;,&quot;focal_length&quot;:&quot;0&quot;,&quot;iso&quot;:&quot;0&quot;,&quot;shutter_speed&quot;:&quot;0&quot;,&quot;title&quot;:&quot;&quot;,&quot;orientation&quot;:&quot;0&quot;}\" data-image-title=\"Capture d\u2019\u00e9cran, le 2023-09-08 \u00e0 10.01.17\" data-image-description=\"\" data-medium-file=\"https:\/\/i0.wp.com\/itayachtscanada.com\/wp-content\/uploads\/2023\/09\/Capture-decran-le-2023-09-08-a-10.01.17.png?fit=300%2C198&#038;ssl=1\" data-large-file=\"https:\/\/i0.wp.com\/itayachtscanada.com\/wp-content\/uploads\/2023\/09\/Capture-decran-le-2023-09-08-a-10.01.17.png?fit=700%2C462&#038;ssl=1\" src=\"https:\/\/i0.wp.com\/itayachtscanada.com\/wp-content\/uploads\/2023\/09\/Capture-decran-le-2023-09-08-a-10.01.17.png?w=229&#038;h=151&#038;ssl=1\" srcset=\"https:\/\/i0.wp.com\/itayachtscanada.com\/wp-content\/uploads\/2023\/09\/Capture-decran-le-2023-09-08-a-10.01.17.png?w=1106&amp;ssl=1 1106w, https:\/\/i0.wp.com\/itayachtscanada.com\/wp-content\/uploads\/2023\/09\/Capture-decran-le-2023-09-08-a-10.01.17.png?resize=300%2C198&amp;ssl=1 300w, https:\/\/i0.wp.com\/itayachtscanada.com\/wp-content\/uploads\/2023\/09\/Capture-decran-le-2023-09-08-a-10.01.17.png?resize=1024%2C676&amp;ssl=1 1024w, https:\/\/i0.wp.com\/itayachtscanada.com\/wp-content\/uploads\/2023\/09\/Capture-decran-le-2023-09-08-a-10.01.17.png?resize=768%2C507&amp;ssl=1 768w, https:\/\/i0.wp.com\/itayachtscanada.com\/wp-content\/uploads\/2023\/09\/Capture-decran-le-2023-09-08-a-10.01.17.png?resize=700%2C462&amp;ssl=1 700w, https:\/\/i0.wp.com\/itayachtscanada.com\/wp-content\/uploads\/2023\/09\/Capture-decran-le-2023-09-08-a-10.01.17.png?resize=606%2C400&amp;ssl=1 606w\" width=\"229\" height=\"151\" loading=\"lazy\" data-original-width=\"229\" data-original-height=\"151\" itemprop=\"http:\/\/schema.org\/image\" title=\"Capture d\u2019\u00e9cran, le 2023-09-08 \u00e0 10.01.17\" alt=\"Capture d\u2019\u00e9cran, le 2023-09-08 \u00e0 10.01.17\" style=\"width: 229px; height: 151px;\" \/> <\/a> <\/div> <\/div> <!-- close group --> <div class=\"gallery-group images-1\" style=\"width: 233px; height: 155px;\" data-original-width=\"233\" data-original-height=\"155\" > <div class=\"tiled-gallery-item tiled-gallery-item-small\" itemprop=\"associatedMedia\" itemscope itemtype=\"http:\/\/schema.org\/ImageObject\"> <a href=\"https:\/\/itayachtscanada.com\/fr\/listing\/azimut-s7-2018-2100000-usd-for-sale\/capture-decran-le-2023-09-08-a-10-01-15\/\" border=\"0\" itemprop=\"url\"> <meta itemprop=\"width\" content=\"229\"> <meta itemprop=\"height\" content=\"151\"> <img decoding=\"async\" class=\"\" data-attachment-id=\"132442\" data-orig-file=\"https:\/\/itayachtscanada.com\/wp-content\/uploads\/2023\/09\/Capture-decran-le-2023-09-08-a-10.01.15.png\" data-orig-size=\"1106,730\" data-comments-opened=\"1\" data-image-meta=\"{&quot;aperture&quot;:&quot;0&quot;,&quot;credit&quot;:&quot;&quot;,&quot;camera&quot;:&quot;&quot;,&quot;caption&quot;:&quot;&quot;,&quot;created_timestamp&quot;:&quot;0&quot;,&quot;copyright&quot;:&quot;&quot;,&quot;focal_length&quot;:&quot;0&quot;,&quot;iso&quot;:&quot;0&quot;,&quot;shutter_speed&quot;:&quot;0&quot;,&quot;title&quot;:&quot;&quot;,&quot;orientation&quot;:&quot;0&quot;}\" data-image-title=\"Capture d\u2019\u00e9cran, le 2023-09-08 \u00e0 10.01.15\" data-image-description=\"\" data-medium-file=\"https:\/\/i0.wp.com\/itayachtscanada.com\/wp-content\/uploads\/2023\/09\/Capture-decran-le-2023-09-08-a-10.01.15.png?fit=300%2C198&#038;ssl=1\" data-large-file=\"https:\/\/i0.wp.com\/itayachtscanada.com\/wp-content\/uploads\/2023\/09\/Capture-decran-le-2023-09-08-a-10.01.15.png?fit=700%2C462&#038;ssl=1\" src=\"https:\/\/i0.wp.com\/itayachtscanada.com\/wp-content\/uploads\/2023\/09\/Capture-decran-le-2023-09-08-a-10.01.15.png?w=229&#038;h=151&#038;ssl=1\" srcset=\"https:\/\/i0.wp.com\/itayachtscanada.com\/wp-content\/uploads\/2023\/09\/Capture-decran-le-2023-09-08-a-10.01.15.png?w=1106&amp;ssl=1 1106w, https:\/\/i0.wp.com\/itayachtscanada.com\/wp-content\/uploads\/2023\/09\/Capture-decran-le-2023-09-08-a-10.01.15.png?resize=300%2C198&amp;ssl=1 300w, https:\/\/i0.wp.com\/itayachtscanada.com\/wp-content\/uploads\/2023\/09\/Capture-decran-le-2023-09-08-a-10.01.15.png?resize=1024%2C676&amp;ssl=1 1024w, https:\/\/i0.wp.com\/itayachtscanada.com\/wp-content\/uploads\/2023\/09\/Capture-decran-le-2023-09-08-a-10.01.15.png?resize=768%2C507&amp;ssl=1 768w, https:\/\/i0.wp.com\/itayachtscanada.com\/wp-content\/uploads\/2023\/09\/Capture-decran-le-2023-09-08-a-10.01.15.png?resize=700%2C462&amp;ssl=1 700w, https:\/\/i0.wp.com\/itayachtscanada.com\/wp-content\/uploads\/2023\/09\/Capture-decran-le-2023-09-08-a-10.01.15.png?resize=606%2C400&amp;ssl=1 606w\" width=\"229\" height=\"151\" loading=\"lazy\" data-original-width=\"229\" data-original-height=\"151\" itemprop=\"http:\/\/schema.org\/image\" title=\"Capture d\u2019\u00e9cran, le 2023-09-08 \u00e0 10.01.15\" alt=\"Capture d\u2019\u00e9cran, le 2023-09-08 \u00e0 10.01.15\" style=\"width: 229px; height: 151px;\" \/> <\/a> <\/div> <\/div> <!-- close group --> <\/div> <!-- close row --> <div class=\"gallery-row\" style=\"width: 700px; height: 310px;\" data-original-width=\"700\" data-original-height=\"310\" > <div class=\"gallery-group images-1\" style=\"width: 467px; height: 310px;\" data-original-width=\"467\" data-original-height=\"310\" > <div class=\"tiled-gallery-item tiled-gallery-item-large\" itemprop=\"associatedMedia\" itemscope itemtype=\"http:\/\/schema.org\/ImageObject\"> <a href=\"https:\/\/itayachtscanada.com\/fr\/listing\/azimut-s7-2018-2100000-usd-for-sale\/capture-decran-le-2023-09-08-a-10-01-12\/\" border=\"0\" itemprop=\"url\"> <meta itemprop=\"width\" content=\"463\"> <meta itemprop=\"height\" content=\"306\"> <img decoding=\"async\" class=\"\" data-attachment-id=\"132443\" data-orig-file=\"https:\/\/itayachtscanada.com\/wp-content\/uploads\/2023\/09\/Capture-decran-le-2023-09-08-a-10.01.12.png\" data-orig-size=\"1106,730\" data-comments-opened=\"1\" data-image-meta=\"{&quot;aperture&quot;:&quot;0&quot;,&quot;credit&quot;:&quot;&quot;,&quot;camera&quot;:&quot;&quot;,&quot;caption&quot;:&quot;&quot;,&quot;created_timestamp&quot;:&quot;0&quot;,&quot;copyright&quot;:&quot;&quot;,&quot;focal_length&quot;:&quot;0&quot;,&quot;iso&quot;:&quot;0&quot;,&quot;shutter_speed&quot;:&quot;0&quot;,&quot;title&quot;:&quot;&quot;,&quot;orientation&quot;:&quot;0&quot;}\" data-image-title=\"Capture d\u2019\u00e9cran, le 2023-09-08 \u00e0 10.01.12\" data-image-description=\"\" data-medium-file=\"https:\/\/i0.wp.com\/itayachtscanada.com\/wp-content\/uploads\/2023\/09\/Capture-decran-le-2023-09-08-a-10.01.12.png?fit=300%2C198&#038;ssl=1\" data-large-file=\"https:\/\/i0.wp.com\/itayachtscanada.com\/wp-content\/uploads\/2023\/09\/Capture-decran-le-2023-09-08-a-10.01.12.png?fit=700%2C462&#038;ssl=1\" src=\"https:\/\/i0.wp.com\/itayachtscanada.com\/wp-content\/uploads\/2023\/09\/Capture-decran-le-2023-09-08-a-10.01.12.png?w=463&#038;h=306&#038;ssl=1\" srcset=\"https:\/\/i0.wp.com\/itayachtscanada.com\/wp-content\/uploads\/2023\/09\/Capture-decran-le-2023-09-08-a-10.01.12.png?w=1106&amp;ssl=1 1106w, https:\/\/i0.wp.com\/itayachtscanada.com\/wp-content\/uploads\/2023\/09\/Capture-decran-le-2023-09-08-a-10.01.12.png?resize=300%2C198&amp;ssl=1 300w, https:\/\/i0.wp.com\/itayachtscanada.com\/wp-content\/uploads\/2023\/09\/Capture-decran-le-2023-09-08-a-10.01.12.png?resize=1024%2C676&amp;ssl=1 1024w, https:\/\/i0.wp.com\/itayachtscanada.com\/wp-content\/uploads\/2023\/09\/Capture-decran-le-2023-09-08-a-10.01.12.png?resize=768%2C507&amp;ssl=1 768w, https:\/\/i0.wp.com\/itayachtscanada.com\/wp-content\/uploads\/2023\/09\/Capture-decran-le-2023-09-08-a-10.01.12.png?resize=700%2C462&amp;ssl=1 700w, https:\/\/i0.wp.com\/itayachtscanada.com\/wp-content\/uploads\/2023\/09\/Capture-decran-le-2023-09-08-a-10.01.12.png?resize=606%2C400&amp;ssl=1 606w\" width=\"463\" height=\"306\" loading=\"lazy\" data-original-width=\"463\" data-original-height=\"306\" itemprop=\"http:\/\/schema.org\/image\" title=\"Capture d\u2019\u00e9cran, le 2023-09-08 \u00e0 10.01.12\" alt=\"Capture d\u2019\u00e9cran, le 2023-09-08 \u00e0 10.01.12\" style=\"width: 463px; height: 306px;\" \/> <\/a> <\/div> <\/div> <!-- close group --> <div class=\"gallery-group images-2\" style=\"width: 233px; height: 310px;\" data-original-width=\"233\" data-original-height=\"310\" > <div class=\"tiled-gallery-item tiled-gallery-item-small\" itemprop=\"associatedMedia\" itemscope itemtype=\"http:\/\/schema.org\/ImageObject\"> <a href=\"https:\/\/itayachtscanada.com\/fr\/listing\/azimut-s7-2018-2100000-usd-for-sale\/capture-decran-le-2023-09-08-a-10-01-09\/\" border=\"0\" itemprop=\"url\"> <meta itemprop=\"width\" content=\"229\"> <meta itemprop=\"height\" content=\"151\"> <img decoding=\"async\" class=\"\" data-attachment-id=\"132444\" data-orig-file=\"https:\/\/itayachtscanada.com\/wp-content\/uploads\/2023\/09\/Capture-decran-le-2023-09-08-a-10.01.09.png\" data-orig-size=\"1106,730\" data-comments-opened=\"1\" data-image-meta=\"{&quot;aperture&quot;:&quot;0&quot;,&quot;credit&quot;:&quot;&quot;,&quot;camera&quot;:&quot;&quot;,&quot;caption&quot;:&quot;&quot;,&quot;created_timestamp&quot;:&quot;0&quot;,&quot;copyright&quot;:&quot;&quot;,&quot;focal_length&quot;:&quot;0&quot;,&quot;iso&quot;:&quot;0&quot;,&quot;shutter_speed&quot;:&quot;0&quot;,&quot;title&quot;:&quot;&quot;,&quot;orientation&quot;:&quot;0&quot;}\" data-image-title=\"Capture d\u2019\u00e9cran, le 2023-09-08 \u00e0 10.01.09\" data-image-description=\"\" data-medium-file=\"https:\/\/i0.wp.com\/itayachtscanada.com\/wp-content\/uploads\/2023\/09\/Capture-decran-le-2023-09-08-a-10.01.09.png?fit=300%2C198&#038;ssl=1\" data-large-file=\"https:\/\/i0.wp.com\/itayachtscanada.com\/wp-content\/uploads\/2023\/09\/Capture-decran-le-2023-09-08-a-10.01.09.png?fit=700%2C462&#038;ssl=1\" src=\"https:\/\/i0.wp.com\/itayachtscanada.com\/wp-content\/uploads\/2023\/09\/Capture-decran-le-2023-09-08-a-10.01.09.png?w=229&#038;h=151&#038;ssl=1\" srcset=\"https:\/\/i0.wp.com\/itayachtscanada.com\/wp-content\/uploads\/2023\/09\/Capture-decran-le-2023-09-08-a-10.01.09.png?w=1106&amp;ssl=1 1106w, https:\/\/i0.wp.com\/itayachtscanada.com\/wp-content\/uploads\/2023\/09\/Capture-decran-le-2023-09-08-a-10.01.09.png?resize=300%2C198&amp;ssl=1 300w, https:\/\/i0.wp.com\/itayachtscanada.com\/wp-content\/uploads\/2023\/09\/Capture-decran-le-2023-09-08-a-10.01.09.png?resize=1024%2C676&amp;ssl=1 1024w, https:\/\/i0.wp.com\/itayachtscanada.com\/wp-content\/uploads\/2023\/09\/Capture-decran-le-2023-09-08-a-10.01.09.png?resize=768%2C507&amp;ssl=1 768w, https:\/\/i0.wp.com\/itayachtscanada.com\/wp-content\/uploads\/2023\/09\/Capture-decran-le-2023-09-08-a-10.01.09.png?resize=700%2C462&amp;ssl=1 700w, https:\/\/i0.wp.com\/itayachtscanada.com\/wp-content\/uploads\/2023\/09\/Capture-decran-le-2023-09-08-a-10.01.09.png?resize=606%2C400&amp;ssl=1 606w\" width=\"229\" height=\"151\" loading=\"lazy\" data-original-width=\"229\" data-original-height=\"151\" itemprop=\"http:\/\/schema.org\/image\" title=\"Capture d\u2019\u00e9cran, le 2023-09-08 \u00e0 10.01.09\" alt=\"Capture d\u2019\u00e9cran, le 2023-09-08 \u00e0 10.01.09\" style=\"width: 229px; height: 151px;\" \/> <\/a> <\/div> <div class=\"tiled-gallery-item tiled-gallery-item-small\" itemprop=\"associatedMedia\" itemscope itemtype=\"http:\/\/schema.org\/ImageObject\"> <a href=\"https:\/\/itayachtscanada.com\/fr\/listing\/azimut-s7-2018-2100000-usd-for-sale\/capture-decran-le-2023-09-08-a-10-01-06\/\" border=\"0\" itemprop=\"url\"> <meta itemprop=\"width\" content=\"229\"> <meta itemprop=\"height\" content=\"151\"> <img decoding=\"async\" class=\"\" data-attachment-id=\"132445\" data-orig-file=\"https:\/\/itayachtscanada.com\/wp-content\/uploads\/2023\/09\/Capture-decran-le-2023-09-08-a-10.01.06.png\" data-orig-size=\"1106,730\" data-comments-opened=\"1\" data-image-meta=\"{&quot;aperture&quot;:&quot;0&quot;,&quot;credit&quot;:&quot;&quot;,&quot;camera&quot;:&quot;&quot;,&quot;caption&quot;:&quot;&quot;,&quot;created_timestamp&quot;:&quot;0&quot;,&quot;copyright&quot;:&quot;&quot;,&quot;focal_length&quot;:&quot;0&quot;,&quot;iso&quot;:&quot;0&quot;,&quot;shutter_speed&quot;:&quot;0&quot;,&quot;title&quot;:&quot;&quot;,&quot;orientation&quot;:&quot;0&quot;}\" data-image-title=\"Capture d\u2019\u00e9cran, le 2023-09-08 \u00e0 10.01.06\" data-image-description=\"\" data-medium-file=\"https:\/\/i0.wp.com\/itayachtscanada.com\/wp-content\/uploads\/2023\/09\/Capture-decran-le-2023-09-08-a-10.01.06.png?fit=300%2C198&#038;ssl=1\" data-large-file=\"https:\/\/i0.wp.com\/itayachtscanada.com\/wp-content\/uploads\/2023\/09\/Capture-decran-le-2023-09-08-a-10.01.06.png?fit=700%2C462&#038;ssl=1\" src=\"https:\/\/i0.wp.com\/itayachtscanada.com\/wp-content\/uploads\/2023\/09\/Capture-decran-le-2023-09-08-a-10.01.06.png?w=229&#038;h=151&#038;ssl=1\" srcset=\"https:\/\/i0.wp.com\/itayachtscanada.com\/wp-content\/uploads\/2023\/09\/Capture-decran-le-2023-09-08-a-10.01.06.png?w=1106&amp;ssl=1 1106w, https:\/\/i0.wp.com\/itayachtscanada.com\/wp-content\/uploads\/2023\/09\/Capture-decran-le-2023-09-08-a-10.01.06.png?resize=300%2C198&amp;ssl=1 300w, https:\/\/i0.wp.com\/itayachtscanada.com\/wp-content\/uploads\/2023\/09\/Capture-decran-le-2023-09-08-a-10.01.06.png?resize=1024%2C676&amp;ssl=1 1024w, https:\/\/i0.wp.com\/itayachtscanada.com\/wp-content\/uploads\/2023\/09\/Capture-decran-le-2023-09-08-a-10.01.06.png?resize=768%2C507&amp;ssl=1 768w, https:\/\/i0.wp.com\/itayachtscanada.com\/wp-content\/uploads\/2023\/09\/Capture-decran-le-2023-09-08-a-10.01.06.png?resize=700%2C462&amp;ssl=1 700w, https:\/\/i0.wp.com\/itayachtscanada.com\/wp-content\/uploads\/2023\/09\/Capture-decran-le-2023-09-08-a-10.01.06.png?resize=606%2C400&amp;ssl=1 606w\" width=\"229\" height=\"151\" loading=\"lazy\" data-original-width=\"229\" data-original-height=\"151\" itemprop=\"http:\/\/schema.org\/image\" title=\"Capture d\u2019\u00e9cran, le 2023-09-08 \u00e0 10.01.06\" alt=\"Capture d\u2019\u00e9cran, le 2023-09-08 \u00e0 10.01.06\" style=\"width: 229px; height: 151px;\" \/> <\/a> <\/div> <\/div> <!-- close group --> <\/div> <!-- close row --> <div class=\"gallery-row\" style=\"width: 700px; height: 309px;\" data-original-width=\"700\" data-original-height=\"309\" > <div class=\"gallery-group images-2\" style=\"width: 233px; height: 309px;\" data-original-width=\"233\" data-original-height=\"309\" > <div class=\"tiled-gallery-item tiled-gallery-item-small\" itemprop=\"associatedMedia\" itemscope itemtype=\"http:\/\/schema.org\/ImageObject\"> <a href=\"https:\/\/itayachtscanada.com\/fr\/listing\/azimut-s7-2018-2100000-usd-for-sale\/capture-decran-le-2023-09-08-a-10-00-31\/\" border=\"0\" itemprop=\"url\"> <meta itemprop=\"width\" content=\"229\"> <meta itemprop=\"height\" content=\"151\"> <img decoding=\"async\" class=\"\" data-attachment-id=\"132452\" data-orig-file=\"https:\/\/itayachtscanada.com\/wp-content\/uploads\/2023\/09\/Capture-decran-le-2023-09-08-a-10.00.31.png\" data-orig-size=\"1110,730\" data-comments-opened=\"1\" data-image-meta=\"{&quot;aperture&quot;:&quot;0&quot;,&quot;credit&quot;:&quot;&quot;,&quot;camera&quot;:&quot;&quot;,&quot;caption&quot;:&quot;&quot;,&quot;created_timestamp&quot;:&quot;0&quot;,&quot;copyright&quot;:&quot;&quot;,&quot;focal_length&quot;:&quot;0&quot;,&quot;iso&quot;:&quot;0&quot;,&quot;shutter_speed&quot;:&quot;0&quot;,&quot;title&quot;:&quot;&quot;,&quot;orientation&quot;:&quot;0&quot;}\" data-image-title=\"Capture d\u2019\u00e9cran, le 2023-09-08 \u00e0 10.00.31\" data-image-description=\"\" data-medium-file=\"https:\/\/i0.wp.com\/itayachtscanada.com\/wp-content\/uploads\/2023\/09\/Capture-decran-le-2023-09-08-a-10.00.31.png?fit=300%2C197&#038;ssl=1\" data-large-file=\"https:\/\/i0.wp.com\/itayachtscanada.com\/wp-content\/uploads\/2023\/09\/Capture-decran-le-2023-09-08-a-10.00.31.png?fit=700%2C460&#038;ssl=1\" src=\"https:\/\/i0.wp.com\/itayachtscanada.com\/wp-content\/uploads\/2023\/09\/Capture-decran-le-2023-09-08-a-10.00.31.png?w=229&#038;h=151&#038;ssl=1\" srcset=\"https:\/\/i0.wp.com\/itayachtscanada.com\/wp-content\/uploads\/2023\/09\/Capture-decran-le-2023-09-08-a-10.00.31.png?w=1110&amp;ssl=1 1110w, https:\/\/i0.wp.com\/itayachtscanada.com\/wp-content\/uploads\/2023\/09\/Capture-decran-le-2023-09-08-a-10.00.31.png?resize=300%2C197&amp;ssl=1 300w, https:\/\/i0.wp.com\/itayachtscanada.com\/wp-content\/uploads\/2023\/09\/Capture-decran-le-2023-09-08-a-10.00.31.png?resize=1024%2C673&amp;ssl=1 1024w, https:\/\/i0.wp.com\/itayachtscanada.com\/wp-content\/uploads\/2023\/09\/Capture-decran-le-2023-09-08-a-10.00.31.png?resize=768%2C505&amp;ssl=1 768w, https:\/\/i0.wp.com\/itayachtscanada.com\/wp-content\/uploads\/2023\/09\/Capture-decran-le-2023-09-08-a-10.00.31.png?resize=700%2C460&amp;ssl=1 700w, https:\/\/i0.wp.com\/itayachtscanada.com\/wp-content\/uploads\/2023\/09\/Capture-decran-le-2023-09-08-a-10.00.31.png?resize=608%2C400&amp;ssl=1 608w\" width=\"229\" height=\"151\" loading=\"lazy\" data-original-width=\"229\" data-original-height=\"151\" itemprop=\"http:\/\/schema.org\/image\" title=\"Capture d\u2019\u00e9cran, le 2023-09-08 \u00e0 10.00.31\" alt=\"Capture d\u2019\u00e9cran, le 2023-09-08 \u00e0 10.00.31\" style=\"width: 229px; height: 151px;\" \/> <\/a> <\/div> <div class=\"tiled-gallery-item tiled-gallery-item-small\" itemprop=\"associatedMedia\" itemscope itemtype=\"http:\/\/schema.org\/ImageObject\"> <a href=\"https:\/\/itayachtscanada.com\/fr\/listing\/azimut-s7-2018-2100000-usd-for-sale\/capture-decran-le-2023-09-08-a-10-00-25\/\" border=\"0\" itemprop=\"url\"> <meta itemprop=\"width\" content=\"229\"> <meta itemprop=\"height\" content=\"150\"> <img decoding=\"async\" class=\"\" data-attachment-id=\"132454\" data-orig-file=\"https:\/\/itayachtscanada.com\/wp-content\/uploads\/2023\/09\/Capture-decran-le-2023-09-08-a-10.00.25.png\" data-orig-size=\"1110,730\" data-comments-opened=\"1\" data-image-meta=\"{&quot;aperture&quot;:&quot;0&quot;,&quot;credit&quot;:&quot;&quot;,&quot;camera&quot;:&quot;&quot;,&quot;caption&quot;:&quot;&quot;,&quot;created_timestamp&quot;:&quot;0&quot;,&quot;copyright&quot;:&quot;&quot;,&quot;focal_length&quot;:&quot;0&quot;,&quot;iso&quot;:&quot;0&quot;,&quot;shutter_speed&quot;:&quot;0&quot;,&quot;title&quot;:&quot;&quot;,&quot;orientation&quot;:&quot;0&quot;}\" data-image-title=\"Capture d\u2019\u00e9cran, le 2023-09-08 \u00e0 10.00.25\" data-image-description=\"\" data-medium-file=\"https:\/\/i0.wp.com\/itayachtscanada.com\/wp-content\/uploads\/2023\/09\/Capture-decran-le-2023-09-08-a-10.00.25.png?fit=300%2C197&#038;ssl=1\" data-large-file=\"https:\/\/i0.wp.com\/itayachtscanada.com\/wp-content\/uploads\/2023\/09\/Capture-decran-le-2023-09-08-a-10.00.25.png?fit=700%2C460&#038;ssl=1\" src=\"https:\/\/i0.wp.com\/itayachtscanada.com\/wp-content\/uploads\/2023\/09\/Capture-decran-le-2023-09-08-a-10.00.25.png?w=229&#038;h=150&#038;ssl=1\" srcset=\"https:\/\/i0.wp.com\/itayachtscanada.com\/wp-content\/uploads\/2023\/09\/Capture-decran-le-2023-09-08-a-10.00.25.png?w=1110&amp;ssl=1 1110w, https:\/\/i0.wp.com\/itayachtscanada.com\/wp-content\/uploads\/2023\/09\/Capture-decran-le-2023-09-08-a-10.00.25.png?resize=300%2C197&amp;ssl=1 300w, https:\/\/i0.wp.com\/itayachtscanada.com\/wp-content\/uploads\/2023\/09\/Capture-decran-le-2023-09-08-a-10.00.25.png?resize=1024%2C673&amp;ssl=1 1024w, https:\/\/i0.wp.com\/itayachtscanada.com\/wp-content\/uploads\/2023\/09\/Capture-decran-le-2023-09-08-a-10.00.25.png?resize=768%2C505&amp;ssl=1 768w, https:\/\/i0.wp.com\/itayachtscanada.com\/wp-content\/uploads\/2023\/09\/Capture-decran-le-2023-09-08-a-10.00.25.png?resize=700%2C460&amp;ssl=1 700w, https:\/\/i0.wp.com\/itayachtscanada.com\/wp-content\/uploads\/2023\/09\/Capture-decran-le-2023-09-08-a-10.00.25.png?resize=608%2C400&amp;ssl=1 608w\" width=\"229\" height=\"150\" loading=\"lazy\" data-original-width=\"229\" data-original-height=\"150\" itemprop=\"http:\/\/schema.org\/image\" title=\"Capture d\u2019\u00e9cran, le 2023-09-08 \u00e0 10.00.25\" alt=\"Capture d\u2019\u00e9cran, le 2023-09-08 \u00e0 10.00.25\" style=\"width: 229px; height: 150px;\" \/> <\/a> <\/div> <\/div> <!-- close group --> <div class=\"gallery-group images-1\" style=\"width: 467px; height: 309px;\" data-original-width=\"467\" data-original-height=\"309\" > <div class=\"tiled-gallery-item tiled-gallery-item-large\" itemprop=\"associatedMedia\" itemscope itemtype=\"http:\/\/schema.org\/ImageObject\"> <a href=\"https:\/\/itayachtscanada.com\/fr\/listing\/azimut-s7-2018-2100000-usd-for-sale\/capture-decran-le-2023-09-08-a-10-01-02\/\" border=\"0\" itemprop=\"url\"> <meta itemprop=\"width\" content=\"463\"> <meta itemprop=\"height\" content=\"305\"> <img decoding=\"async\" class=\"\" data-attachment-id=\"132446\" data-orig-file=\"https:\/\/itayachtscanada.com\/wp-content\/uploads\/2023\/09\/Capture-decran-le-2023-09-08-a-10.01.02.png\" data-orig-size=\"1106,730\" data-comments-opened=\"1\" data-image-meta=\"{&quot;aperture&quot;:&quot;0&quot;,&quot;credit&quot;:&quot;&quot;,&quot;camera&quot;:&quot;&quot;,&quot;caption&quot;:&quot;&quot;,&quot;created_timestamp&quot;:&quot;0&quot;,&quot;copyright&quot;:&quot;&quot;,&quot;focal_length&quot;:&quot;0&quot;,&quot;iso&quot;:&quot;0&quot;,&quot;shutter_speed&quot;:&quot;0&quot;,&quot;title&quot;:&quot;&quot;,&quot;orientation&quot;:&quot;0&quot;}\" data-image-title=\"Capture d\u2019\u00e9cran, le 2023-09-08 \u00e0 10.01.02\" data-image-description=\"\" data-medium-file=\"https:\/\/i0.wp.com\/itayachtscanada.com\/wp-content\/uploads\/2023\/09\/Capture-decran-le-2023-09-08-a-10.01.02.png?fit=300%2C198&#038;ssl=1\" data-large-file=\"https:\/\/i0.wp.com\/itayachtscanada.com\/wp-content\/uploads\/2023\/09\/Capture-decran-le-2023-09-08-a-10.01.02.png?fit=700%2C462&#038;ssl=1\" src=\"https:\/\/i0.wp.com\/itayachtscanada.com\/wp-content\/uploads\/2023\/09\/Capture-decran-le-2023-09-08-a-10.01.02.png?w=463&#038;h=305&#038;ssl=1\" srcset=\"https:\/\/i0.wp.com\/itayachtscanada.com\/wp-content\/uploads\/2023\/09\/Capture-decran-le-2023-09-08-a-10.01.02.png?w=1106&amp;ssl=1 1106w, https:\/\/i0.wp.com\/itayachtscanada.com\/wp-content\/uploads\/2023\/09\/Capture-decran-le-2023-09-08-a-10.01.02.png?resize=300%2C198&amp;ssl=1 300w, https:\/\/i0.wp.com\/itayachtscanada.com\/wp-content\/uploads\/2023\/09\/Capture-decran-le-2023-09-08-a-10.01.02.png?resize=1024%2C676&amp;ssl=1 1024w, https:\/\/i0.wp.com\/itayachtscanada.com\/wp-content\/uploads\/2023\/09\/Capture-decran-le-2023-09-08-a-10.01.02.png?resize=768%2C507&amp;ssl=1 768w, https:\/\/i0.wp.com\/itayachtscanada.com\/wp-content\/uploads\/2023\/09\/Capture-decran-le-2023-09-08-a-10.01.02.png?resize=700%2C462&amp;ssl=1 700w, https:\/\/i0.wp.com\/itayachtscanada.com\/wp-content\/uploads\/2023\/09\/Capture-decran-le-2023-09-08-a-10.01.02.png?resize=606%2C400&amp;ssl=1 606w\" width=\"463\" height=\"305\" loading=\"lazy\" data-original-width=\"463\" data-original-height=\"305\" itemprop=\"http:\/\/schema.org\/image\" title=\"Capture d\u2019\u00e9cran, le 2023-09-08 \u00e0 10.01.02\" alt=\"Capture d\u2019\u00e9cran, le 2023-09-08 \u00e0 10.01.02\" style=\"width: 463px; height: 305px;\" \/> <\/a> <\/div> <\/div> <!-- close group --> <\/div> <!-- close row --> <div class=\"gallery-row\" style=\"width: 700px; height: 232px;\" data-original-width=\"700\" data-original-height=\"232\" > <div class=\"gallery-group images-1\" style=\"width: 350px; height: 232px;\" data-original-width=\"350\" data-original-height=\"232\" > <div class=\"tiled-gallery-item tiled-gallery-item-large\" itemprop=\"associatedMedia\" itemscope itemtype=\"http:\/\/schema.org\/ImageObject\"> <a href=\"https:\/\/itayachtscanada.com\/fr\/listing\/azimut-s7-2018-2100000-usd-for-sale\/capture-decran-le-2023-09-08-a-10-01-00\/\" border=\"0\" itemprop=\"url\"> <meta itemprop=\"width\" content=\"346\"> <meta itemprop=\"height\" content=\"228\"> <img decoding=\"async\" class=\"\" data-attachment-id=\"132447\" data-orig-file=\"https:\/\/itayachtscanada.com\/wp-content\/uploads\/2023\/09\/Capture-decran-le-2023-09-08-a-10.01.00.png\" data-orig-size=\"1106,730\" data-comments-opened=\"1\" data-image-meta=\"{&quot;aperture&quot;:&quot;0&quot;,&quot;credit&quot;:&quot;&quot;,&quot;camera&quot;:&quot;&quot;,&quot;caption&quot;:&quot;&quot;,&quot;created_timestamp&quot;:&quot;0&quot;,&quot;copyright&quot;:&quot;&quot;,&quot;focal_length&quot;:&quot;0&quot;,&quot;iso&quot;:&quot;0&quot;,&quot;shutter_speed&quot;:&quot;0&quot;,&quot;title&quot;:&quot;&quot;,&quot;orientation&quot;:&quot;0&quot;}\" data-image-title=\"Capture d\u2019\u00e9cran, le 2023-09-08 \u00e0 10.01.00\" data-image-description=\"\" data-medium-file=\"https:\/\/i0.wp.com\/itayachtscanada.com\/wp-content\/uploads\/2023\/09\/Capture-decran-le-2023-09-08-a-10.01.00.png?fit=300%2C198&#038;ssl=1\" data-large-file=\"https:\/\/i0.wp.com\/itayachtscanada.com\/wp-content\/uploads\/2023\/09\/Capture-decran-le-2023-09-08-a-10.01.00.png?fit=700%2C462&#038;ssl=1\" src=\"https:\/\/i0.wp.com\/itayachtscanada.com\/wp-content\/uploads\/2023\/09\/Capture-decran-le-2023-09-08-a-10.01.00.png?w=346&#038;h=228&#038;ssl=1\" srcset=\"https:\/\/i0.wp.com\/itayachtscanada.com\/wp-content\/uploads\/2023\/09\/Capture-decran-le-2023-09-08-a-10.01.00.png?w=1106&amp;ssl=1 1106w, https:\/\/i0.wp.com\/itayachtscanada.com\/wp-content\/uploads\/2023\/09\/Capture-decran-le-2023-09-08-a-10.01.00.png?resize=300%2C198&amp;ssl=1 300w, https:\/\/i0.wp.com\/itayachtscanada.com\/wp-content\/uploads\/2023\/09\/Capture-decran-le-2023-09-08-a-10.01.00.png?resize=1024%2C676&amp;ssl=1 1024w, https:\/\/i0.wp.com\/itayachtscanada.com\/wp-content\/uploads\/2023\/09\/Capture-decran-le-2023-09-08-a-10.01.00.png?resize=768%2C507&amp;ssl=1 768w, https:\/\/i0.wp.com\/itayachtscanada.com\/wp-content\/uploads\/2023\/09\/Capture-decran-le-2023-09-08-a-10.01.00.png?resize=700%2C462&amp;ssl=1 700w, https:\/\/i0.wp.com\/itayachtscanada.com\/wp-content\/uploads\/2023\/09\/Capture-decran-le-2023-09-08-a-10.01.00.png?resize=606%2C400&amp;ssl=1 606w\" width=\"346\" height=\"228\" loading=\"lazy\" data-original-width=\"346\" data-original-height=\"228\" itemprop=\"http:\/\/schema.org\/image\" title=\"Capture d\u2019\u00e9cran, le 2023-09-08 \u00e0 10.01.00\" alt=\"Capture d\u2019\u00e9cran, le 2023-09-08 \u00e0 10.01.00\" style=\"width: 346px; height: 228px;\" \/> <\/a> <\/div> <\/div> <!-- close group --> <div class=\"gallery-group images-1\" style=\"width: 350px; height: 232px;\" data-original-width=\"350\" data-original-height=\"232\" > <div class=\"tiled-gallery-item tiled-gallery-item-large\" itemprop=\"associatedMedia\" itemscope itemtype=\"http:\/\/schema.org\/ImageObject\"> <a href=\"https:\/\/itayachtscanada.com\/fr\/listing\/azimut-s7-2018-2100000-usd-for-sale\/capture-decran-le-2023-09-08-a-10-00-57\/\" border=\"0\" itemprop=\"url\"> <meta itemprop=\"width\" content=\"346\"> <meta itemprop=\"height\" content=\"228\"> <img decoding=\"async\" class=\"\" data-attachment-id=\"132448\" data-orig-file=\"https:\/\/itayachtscanada.com\/wp-content\/uploads\/2023\/09\/Capture-decran-le-2023-09-08-a-10.00.57.png\" data-orig-size=\"1106,730\" data-comments-opened=\"1\" data-image-meta=\"{&quot;aperture&quot;:&quot;0&quot;,&quot;credit&quot;:&quot;&quot;,&quot;camera&quot;:&quot;&quot;,&quot;caption&quot;:&quot;&quot;,&quot;created_timestamp&quot;:&quot;0&quot;,&quot;copyright&quot;:&quot;&quot;,&quot;focal_length&quot;:&quot;0&quot;,&quot;iso&quot;:&quot;0&quot;,&quot;shutter_speed&quot;:&quot;0&quot;,&quot;title&quot;:&quot;&quot;,&quot;orientation&quot;:&quot;0&quot;}\" data-image-title=\"Capture d\u2019\u00e9cran, le 2023-09-08 \u00e0 10.00.57\" data-image-description=\"\" data-medium-file=\"https:\/\/i0.wp.com\/itayachtscanada.com\/wp-content\/uploads\/2023\/09\/Capture-decran-le-2023-09-08-a-10.00.57.png?fit=300%2C198&#038;ssl=1\" data-large-file=\"https:\/\/i0.wp.com\/itayachtscanada.com\/wp-content\/uploads\/2023\/09\/Capture-decran-le-2023-09-08-a-10.00.57.png?fit=700%2C462&#038;ssl=1\" src=\"https:\/\/i0.wp.com\/itayachtscanada.com\/wp-content\/uploads\/2023\/09\/Capture-decran-le-2023-09-08-a-10.00.57.png?w=346&#038;h=228&#038;ssl=1\" srcset=\"https:\/\/i0.wp.com\/itayachtscanada.com\/wp-content\/uploads\/2023\/09\/Capture-decran-le-2023-09-08-a-10.00.57.png?w=1106&amp;ssl=1 1106w, https:\/\/i0.wp.com\/itayachtscanada.com\/wp-content\/uploads\/2023\/09\/Capture-decran-le-2023-09-08-a-10.00.57.png?resize=300%2C198&amp;ssl=1 300w, https:\/\/i0.wp.com\/itayachtscanada.com\/wp-content\/uploads\/2023\/09\/Capture-decran-le-2023-09-08-a-10.00.57.png?resize=1024%2C676&amp;ssl=1 1024w, https:\/\/i0.wp.com\/itayachtscanada.com\/wp-content\/uploads\/2023\/09\/Capture-decran-le-2023-09-08-a-10.00.57.png?resize=768%2C507&amp;ssl=1 768w, https:\/\/i0.wp.com\/itayachtscanada.com\/wp-content\/uploads\/2023\/09\/Capture-decran-le-2023-09-08-a-10.00.57.png?resize=700%2C462&amp;ssl=1 700w, https:\/\/i0.wp.com\/itayachtscanada.com\/wp-content\/uploads\/2023\/09\/Capture-decran-le-2023-09-08-a-10.00.57.png?resize=606%2C400&amp;ssl=1 606w\" width=\"346\" height=\"228\" loading=\"lazy\" data-original-width=\"346\" data-original-height=\"228\" itemprop=\"http:\/\/schema.org\/image\" title=\"Capture d\u2019\u00e9cran, le 2023-09-08 \u00e0 10.00.57\" alt=\"Capture d\u2019\u00e9cran, le 2023-09-08 \u00e0 10.00.57\" style=\"width: 346px; height: 228px;\" \/> <\/a> <\/div> <\/div> <!-- close group --> <\/div> <!-- close row --> <div class=\"gallery-row\" style=\"width: 700px; height: 232px;\" data-original-width=\"700\" data-original-height=\"232\" > <div class=\"gallery-group images-1\" style=\"width: 351px; height: 232px;\" data-original-width=\"351\" data-original-height=\"232\" > <div class=\"tiled-gallery-item tiled-gallery-item-large\" itemprop=\"associatedMedia\" itemscope itemtype=\"http:\/\/schema.org\/ImageObject\"> <a href=\"https:\/\/itayachtscanada.com\/fr\/listing\/azimut-s7-2018-2100000-usd-for-sale\/capture-decran-le-2023-09-08-a-10-00-28\/\" border=\"0\" itemprop=\"url\"> <meta itemprop=\"width\" content=\"347\"> <meta itemprop=\"height\" content=\"228\"> <img decoding=\"async\" class=\"\" data-attachment-id=\"132453\" data-orig-file=\"https:\/\/itayachtscanada.com\/wp-content\/uploads\/2023\/09\/Capture-decran-le-2023-09-08-a-10.00.28.png\" data-orig-size=\"1110,730\" data-comments-opened=\"1\" data-image-meta=\"{&quot;aperture&quot;:&quot;0&quot;,&quot;credit&quot;:&quot;&quot;,&quot;camera&quot;:&quot;&quot;,&quot;caption&quot;:&quot;&quot;,&quot;created_timestamp&quot;:&quot;0&quot;,&quot;copyright&quot;:&quot;&quot;,&quot;focal_length&quot;:&quot;0&quot;,&quot;iso&quot;:&quot;0&quot;,&quot;shutter_speed&quot;:&quot;0&quot;,&quot;title&quot;:&quot;&quot;,&quot;orientation&quot;:&quot;0&quot;}\" data-image-title=\"Capture d\u2019\u00e9cran, le 2023-09-08 \u00e0 10.00.28\" data-image-description=\"\" data-medium-file=\"https:\/\/i0.wp.com\/itayachtscanada.com\/wp-content\/uploads\/2023\/09\/Capture-decran-le-2023-09-08-a-10.00.28.png?fit=300%2C197&#038;ssl=1\" data-large-file=\"https:\/\/i0.wp.com\/itayachtscanada.com\/wp-content\/uploads\/2023\/09\/Capture-decran-le-2023-09-08-a-10.00.28.png?fit=700%2C460&#038;ssl=1\" src=\"https:\/\/i0.wp.com\/itayachtscanada.com\/wp-content\/uploads\/2023\/09\/Capture-decran-le-2023-09-08-a-10.00.28.png?w=347&#038;h=228&#038;ssl=1\" srcset=\"https:\/\/i0.wp.com\/itayachtscanada.com\/wp-content\/uploads\/2023\/09\/Capture-decran-le-2023-09-08-a-10.00.28.png?w=1110&amp;ssl=1 1110w, https:\/\/i0.wp.com\/itayachtscanada.com\/wp-content\/uploads\/2023\/09\/Capture-decran-le-2023-09-08-a-10.00.28.png?resize=300%2C197&amp;ssl=1 300w, https:\/\/i0.wp.com\/itayachtscanada.com\/wp-content\/uploads\/2023\/09\/Capture-decran-le-2023-09-08-a-10.00.28.png?resize=1024%2C673&amp;ssl=1 1024w, https:\/\/i0.wp.com\/itayachtscanada.com\/wp-content\/uploads\/2023\/09\/Capture-decran-le-2023-09-08-a-10.00.28.png?resize=768%2C505&amp;ssl=1 768w, https:\/\/i0.wp.com\/itayachtscanada.com\/wp-content\/uploads\/2023\/09\/Capture-decran-le-2023-09-08-a-10.00.28.png?resize=700%2C460&amp;ssl=1 700w, https:\/\/i0.wp.com\/itayachtscanada.com\/wp-content\/uploads\/2023\/09\/Capture-decran-le-2023-09-08-a-10.00.28.png?resize=608%2C400&amp;ssl=1 608w\" width=\"347\" height=\"228\" loading=\"lazy\" data-original-width=\"347\" data-original-height=\"228\" itemprop=\"http:\/\/schema.org\/image\" title=\"Capture d\u2019\u00e9cran, le 2023-09-08 \u00e0 10.00.28\" alt=\"Capture d\u2019\u00e9cran, le 2023-09-08 \u00e0 10.00.28\" style=\"width: 347px; height: 228px;\" \/> <\/a> <\/div> <\/div> <!-- close group --> <div class=\"gallery-group images-1\" style=\"width: 349px; height: 232px;\" data-original-width=\"349\" data-original-height=\"232\" > <div class=\"tiled-gallery-item tiled-gallery-item-large\" itemprop=\"associatedMedia\" itemscope itemtype=\"http:\/\/schema.org\/ImageObject\"> <a href=\"https:\/\/itayachtscanada.com\/fr\/listing\/azimut-s7-2018-2100000-usd-for-sale\/capture-decran-le-2023-09-08-a-10-00-53\/\" border=\"0\" itemprop=\"url\"> <meta itemprop=\"width\" content=\"345\"> <meta itemprop=\"height\" content=\"228\"> <img decoding=\"async\" class=\"\" data-attachment-id=\"132449\" data-orig-file=\"https:\/\/itayachtscanada.com\/wp-content\/uploads\/2023\/09\/Capture-decran-le-2023-09-08-a-10.00.53.png\" data-orig-size=\"1106,730\" data-comments-opened=\"1\" data-image-meta=\"{&quot;aperture&quot;:&quot;0&quot;,&quot;credit&quot;:&quot;&quot;,&quot;camera&quot;:&quot;&quot;,&quot;caption&quot;:&quot;&quot;,&quot;created_timestamp&quot;:&quot;0&quot;,&quot;copyright&quot;:&quot;&quot;,&quot;focal_length&quot;:&quot;0&quot;,&quot;iso&quot;:&quot;0&quot;,&quot;shutter_speed&quot;:&quot;0&quot;,&quot;title&quot;:&quot;&quot;,&quot;orientation&quot;:&quot;0&quot;}\" data-image-title=\"Capture d\u2019\u00e9cran, le 2023-09-08 \u00e0 10.00.53\" data-image-description=\"\" data-medium-file=\"https:\/\/i0.wp.com\/itayachtscanada.com\/wp-content\/uploads\/2023\/09\/Capture-decran-le-2023-09-08-a-10.00.53.png?fit=300%2C198&#038;ssl=1\" data-large-file=\"https:\/\/i0.wp.com\/itayachtscanada.com\/wp-content\/uploads\/2023\/09\/Capture-decran-le-2023-09-08-a-10.00.53.png?fit=700%2C462&#038;ssl=1\" src=\"https:\/\/i0.wp.com\/itayachtscanada.com\/wp-content\/uploads\/2023\/09\/Capture-decran-le-2023-09-08-a-10.00.53.png?w=345&#038;h=228&#038;ssl=1\" srcset=\"https:\/\/i0.wp.com\/itayachtscanada.com\/wp-content\/uploads\/2023\/09\/Capture-decran-le-2023-09-08-a-10.00.53.png?w=1106&amp;ssl=1 1106w, https:\/\/i0.wp.com\/itayachtscanada.com\/wp-content\/uploads\/2023\/09\/Capture-decran-le-2023-09-08-a-10.00.53.png?resize=300%2C198&amp;ssl=1 300w, https:\/\/i0.wp.com\/itayachtscanada.com\/wp-content\/uploads\/2023\/09\/Capture-decran-le-2023-09-08-a-10.00.53.png?resize=1024%2C676&amp;ssl=1 1024w, https:\/\/i0.wp.com\/itayachtscanada.com\/wp-content\/uploads\/2023\/09\/Capture-decran-le-2023-09-08-a-10.00.53.png?resize=768%2C507&amp;ssl=1 768w, https:\/\/i0.wp.com\/itayachtscanada.com\/wp-content\/uploads\/2023\/09\/Capture-decran-le-2023-09-08-a-10.00.53.png?resize=700%2C462&amp;ssl=1 700w, https:\/\/i0.wp.com\/itayachtscanada.com\/wp-content\/uploads\/2023\/09\/Capture-decran-le-2023-09-08-a-10.00.53.png?resize=606%2C400&amp;ssl=1 606w\" width=\"345\" height=\"228\" loading=\"lazy\" data-original-width=\"345\" data-original-height=\"228\" itemprop=\"http:\/\/schema.org\/image\" title=\"Capture d\u2019\u00e9cran, le 2023-09-08 \u00e0 10.00.53\" alt=\"Capture d\u2019\u00e9cran, le 2023-09-08 \u00e0 10.00.53\" style=\"width: 345px; height: 228px;\" \/> <\/a> <\/div> <\/div> <!-- close group --> <\/div> <!-- close row --> <div class=\"gallery-row\" style=\"width: 700px; height: 492px;\" data-original-width=\"700\" data-original-height=\"492\" > <div class=\"gallery-group images-1\" style=\"width: 328px; height: 492px;\" data-original-width=\"328\" data-original-height=\"492\" > <div class=\"tiled-gallery-item tiled-gallery-item-large\" itemprop=\"associatedMedia\" itemscope itemtype=\"http:\/\/schema.org\/ImageObject\"> <a href=\"https:\/\/itayachtscanada.com\/fr\/listing\/azimut-s7-2018-2100000-usd-for-sale\/capture-decran-le-2023-09-08-a-10-00-42\/\" border=\"0\" itemprop=\"url\"> <meta itemprop=\"width\" content=\"324\"> <meta itemprop=\"height\" content=\"488\"> <img decoding=\"async\" class=\"\" data-attachment-id=\"132450\" data-orig-file=\"https:\/\/itayachtscanada.com\/wp-content\/uploads\/2023\/09\/Capture-decran-le-2023-09-08-a-10.00.42.png\" data-orig-size=\"484,730\" data-comments-opened=\"1\" data-image-meta=\"{&quot;aperture&quot;:&quot;0&quot;,&quot;credit&quot;:&quot;&quot;,&quot;camera&quot;:&quot;&quot;,&quot;caption&quot;:&quot;&quot;,&quot;created_timestamp&quot;:&quot;0&quot;,&quot;copyright&quot;:&quot;&quot;,&quot;focal_length&quot;:&quot;0&quot;,&quot;iso&quot;:&quot;0&quot;,&quot;shutter_speed&quot;:&quot;0&quot;,&quot;title&quot;:&quot;&quot;,&quot;orientation&quot;:&quot;0&quot;}\" data-image-title=\"Capture d\u2019\u00e9cran, le 2023-09-08 \u00e0 10.00.42\" data-image-description=\"\" data-medium-file=\"https:\/\/i0.wp.com\/itayachtscanada.com\/wp-content\/uploads\/2023\/09\/Capture-decran-le-2023-09-08-a-10.00.42.png?fit=199%2C300&#038;ssl=1\" data-large-file=\"https:\/\/i0.wp.com\/itayachtscanada.com\/wp-content\/uploads\/2023\/09\/Capture-decran-le-2023-09-08-a-10.00.42.png?fit=484%2C730&#038;ssl=1\" src=\"https:\/\/i0.wp.com\/itayachtscanada.com\/wp-content\/uploads\/2023\/09\/Capture-decran-le-2023-09-08-a-10.00.42.png?w=324&#038;h=488&#038;ssl=1\" srcset=\"https:\/\/i0.wp.com\/itayachtscanada.com\/wp-content\/uploads\/2023\/09\/Capture-decran-le-2023-09-08-a-10.00.42.png?w=484&amp;ssl=1 484w, https:\/\/i0.wp.com\/itayachtscanada.com\/wp-content\/uploads\/2023\/09\/Capture-decran-le-2023-09-08-a-10.00.42.png?resize=199%2C300&amp;ssl=1 199w, https:\/\/i0.wp.com\/itayachtscanada.com\/wp-content\/uploads\/2023\/09\/Capture-decran-le-2023-09-08-a-10.00.42.png?resize=265%2C400&amp;ssl=1 265w\" width=\"324\" height=\"488\" loading=\"lazy\" data-original-width=\"324\" data-original-height=\"488\" itemprop=\"http:\/\/schema.org\/image\" title=\"Capture d\u2019\u00e9cran, le 2023-09-08 \u00e0 10.00.42\" alt=\"Capture d\u2019\u00e9cran, le 2023-09-08 \u00e0 10.00.42\" style=\"width: 324px; height: 488px;\" \/> <\/a> <\/div> <\/div> <!-- close group --> <div class=\"gallery-group images-2\" style=\"width: 372px; height: 492px;\" data-original-width=\"372\" data-original-height=\"492\" > <div class=\"tiled-gallery-item tiled-gallery-item-large\" itemprop=\"associatedMedia\" itemscope itemtype=\"http:\/\/schema.org\/ImageObject\"> <a href=\"https:\/\/itayachtscanada.com\/fr\/listing\/azimut-s7-2018-2100000-usd-for-sale\/capture-decran-le-2023-09-08-a-10-00-34\/\" border=\"0\" itemprop=\"url\"> <meta itemprop=\"width\" content=\"368\"> <meta itemprop=\"height\" content=\"242\"> <img decoding=\"async\" class=\"\" data-attachment-id=\"132451\" data-orig-file=\"https:\/\/itayachtscanada.com\/wp-content\/uploads\/2023\/09\/Capture-decran-le-2023-09-08-a-10.00.34.png\" data-orig-size=\"1110,730\" data-comments-opened=\"1\" data-image-meta=\"{&quot;aperture&quot;:&quot;0&quot;,&quot;credit&quot;:&quot;&quot;,&quot;camera&quot;:&quot;&quot;,&quot;caption&quot;:&quot;&quot;,&quot;created_timestamp&quot;:&quot;0&quot;,&quot;copyright&quot;:&quot;&quot;,&quot;focal_length&quot;:&quot;0&quot;,&quot;iso&quot;:&quot;0&quot;,&quot;shutter_speed&quot;:&quot;0&quot;,&quot;title&quot;:&quot;&quot;,&quot;orientation&quot;:&quot;0&quot;}\" data-image-title=\"Capture d\u2019\u00e9cran, le 2023-09-08 \u00e0 10.00.34\" data-image-description=\"\" data-medium-file=\"https:\/\/i0.wp.com\/itayachtscanada.com\/wp-content\/uploads\/2023\/09\/Capture-decran-le-2023-09-08-a-10.00.34.png?fit=300%2C197&#038;ssl=1\" data-large-file=\"https:\/\/i0.wp.com\/itayachtscanada.com\/wp-content\/uploads\/2023\/09\/Capture-decran-le-2023-09-08-a-10.00.34.png?fit=700%2C460&#038;ssl=1\" src=\"https:\/\/i0.wp.com\/itayachtscanada.com\/wp-content\/uploads\/2023\/09\/Capture-decran-le-2023-09-08-a-10.00.34.png?w=368&#038;h=242&#038;ssl=1\" srcset=\"https:\/\/i0.wp.com\/itayachtscanada.com\/wp-content\/uploads\/2023\/09\/Capture-decran-le-2023-09-08-a-10.00.34.png?w=1110&amp;ssl=1 1110w, https:\/\/i0.wp.com\/itayachtscanada.com\/wp-content\/uploads\/2023\/09\/Capture-decran-le-2023-09-08-a-10.00.34.png?resize=300%2C197&amp;ssl=1 300w, https:\/\/i0.wp.com\/itayachtscanada.com\/wp-content\/uploads\/2023\/09\/Capture-decran-le-2023-09-08-a-10.00.34.png?resize=1024%2C673&amp;ssl=1 1024w, https:\/\/i0.wp.com\/itayachtscanada.com\/wp-content\/uploads\/2023\/09\/Capture-decran-le-2023-09-08-a-10.00.34.png?resize=768%2C505&amp;ssl=1 768w, https:\/\/i0.wp.com\/itayachtscanada.com\/wp-content\/uploads\/2023\/09\/Capture-decran-le-2023-09-08-a-10.00.34.png?resize=700%2C460&amp;ssl=1 700w, https:\/\/i0.wp.com\/itayachtscanada.com\/wp-content\/uploads\/2023\/09\/Capture-decran-le-2023-09-08-a-10.00.34.png?resize=608%2C400&amp;ssl=1 608w\" width=\"368\" height=\"242\" loading=\"lazy\" data-original-width=\"368\" data-original-height=\"242\" itemprop=\"http:\/\/schema.org\/image\" title=\"Capture d\u2019\u00e9cran, le 2023-09-08 \u00e0 10.00.34\" alt=\"Capture d\u2019\u00e9cran, le 2023-09-08 \u00e0 10.00.34\" style=\"width: 368px; height: 242px;\" \/> <\/a> <\/div> <div class=\"tiled-gallery-item tiled-gallery-item-large\" itemprop=\"associatedMedia\" itemscope itemtype=\"http:\/\/schema.org\/ImageObject\"> <a href=\"https:\/\/itayachtscanada.com\/fr\/listing\/azimut-s7-2018-2100000-usd-for-sale\/capture-decran-le-2023-09-08-a-10-00-22\/\" border=\"0\" itemprop=\"url\"> <meta itemprop=\"width\" content=\"368\"> <meta itemprop=\"height\" content=\"242\"> <img decoding=\"async\" class=\"\" data-attachment-id=\"132455\" data-orig-file=\"https:\/\/itayachtscanada.com\/wp-content\/uploads\/2023\/09\/Capture-decran-le-2023-09-08-a-10.00.22.png\" data-orig-size=\"1110,730\" data-comments-opened=\"1\" data-image-meta=\"{&quot;aperture&quot;:&quot;0&quot;,&quot;credit&quot;:&quot;&quot;,&quot;camera&quot;:&quot;&quot;,&quot;caption&quot;:&quot;&quot;,&quot;created_timestamp&quot;:&quot;0&quot;,&quot;copyright&quot;:&quot;&quot;,&quot;focal_length&quot;:&quot;0&quot;,&quot;iso&quot;:&quot;0&quot;,&quot;shutter_speed&quot;:&quot;0&quot;,&quot;title&quot;:&quot;&quot;,&quot;orientation&quot;:&quot;0&quot;}\" data-image-title=\"Capture d\u2019\u00e9cran, le 2023-09-08 \u00e0 10.00.22\" data-image-description=\"\" data-medium-file=\"https:\/\/i0.wp.com\/itayachtscanada.com\/wp-content\/uploads\/2023\/09\/Capture-decran-le-2023-09-08-a-10.00.22.png?fit=300%2C197&#038;ssl=1\" data-large-file=\"https:\/\/i0.wp.com\/itayachtscanada.com\/wp-content\/uploads\/2023\/09\/Capture-decran-le-2023-09-08-a-10.00.22.png?fit=700%2C460&#038;ssl=1\" src=\"https:\/\/i0.wp.com\/itayachtscanada.com\/wp-content\/uploads\/2023\/09\/Capture-decran-le-2023-09-08-a-10.00.22.png?w=368&#038;h=242&#038;ssl=1\" srcset=\"https:\/\/i0.wp.com\/itayachtscanada.com\/wp-content\/uploads\/2023\/09\/Capture-decran-le-2023-09-08-a-10.00.22.png?w=1110&amp;ssl=1 1110w, https:\/\/i0.wp.com\/itayachtscanada.com\/wp-content\/uploads\/2023\/09\/Capture-decran-le-2023-09-08-a-10.00.22.png?resize=300%2C197&amp;ssl=1 300w, https:\/\/i0.wp.com\/itayachtscanada.com\/wp-content\/uploads\/2023\/09\/Capture-decran-le-2023-09-08-a-10.00.22.png?resize=1024%2C673&amp;ssl=1 1024w, https:\/\/i0.wp.com\/itayachtscanada.com\/wp-content\/uploads\/2023\/09\/Capture-decran-le-2023-09-08-a-10.00.22.png?resize=768%2C505&amp;ssl=1 768w, https:\/\/i0.wp.com\/itayachtscanada.com\/wp-content\/uploads\/2023\/09\/Capture-decran-le-2023-09-08-a-10.00.22.png?resize=700%2C460&amp;ssl=1 700w, https:\/\/i0.wp.com\/itayachtscanada.com\/wp-content\/uploads\/2023\/09\/Capture-decran-le-2023-09-08-a-10.00.22.png?resize=608%2C400&amp;ssl=1 608w\" width=\"368\" height=\"242\" loading=\"lazy\" data-original-width=\"368\" data-original-height=\"242\" itemprop=\"http:\/\/schema.org\/image\" title=\"Capture d\u2019\u00e9cran, le 2023-09-08 \u00e0 10.00.22\" alt=\"Capture d\u2019\u00e9cran, le 2023-09-08 \u00e0 10.00.22\" style=\"width: 368px; height: 242px;\" \/> <\/a> <\/div> <\/div> <!-- close group --> <\/div> <!-- close row --> <div class=\"gallery-row\" style=\"width: 700px; height: 349px;\" data-original-width=\"700\" data-original-height=\"349\" > <div class=\"gallery-group images-1\" style=\"width: 700px; height: 349px;\" data-original-width=\"700\" data-original-height=\"349\" > <div class=\"tiled-gallery-item tiled-gallery-item-large\" itemprop=\"associatedMedia\" itemscope itemtype=\"http:\/\/schema.org\/ImageObject\"> <a href=\"https:\/\/itayachtscanada.com\/fr\/listing\/azimut-s7-2018-2100000-usd-for-sale\/capture-decran-le-2023-09-08-a-10-19-24\/\" border=\"0\" itemprop=\"url\"> <meta itemprop=\"width\" content=\"696\"> <meta itemprop=\"height\" content=\"345\"> <img decoding=\"async\" class=\"\" data-attachment-id=\"132459\" data-orig-file=\"https:\/\/itayachtscanada.com\/wp-content\/uploads\/2023\/09\/Capture-decran-le-2023-09-08-a-10.19.24.png\" data-orig-size=\"1568,778\" data-comments-opened=\"1\" data-image-meta=\"{&quot;aperture&quot;:&quot;0&quot;,&quot;credit&quot;:&quot;&quot;,&quot;camera&quot;:&quot;&quot;,&quot;caption&quot;:&quot;&quot;,&quot;created_timestamp&quot;:&quot;0&quot;,&quot;copyright&quot;:&quot;&quot;,&quot;focal_length&quot;:&quot;0&quot;,&quot;iso&quot;:&quot;0&quot;,&quot;shutter_speed&quot;:&quot;0&quot;,&quot;title&quot;:&quot;&quot;,&quot;orientation&quot;:&quot;0&quot;}\" data-image-title=\"Capture d\u2019\u00e9cran, le 2023-09-08 \u00e0 10.19.24\" data-image-description=\"\" data-medium-file=\"https:\/\/i0.wp.com\/itayachtscanada.com\/wp-content\/uploads\/2023\/09\/Capture-decran-le-2023-09-08-a-10.19.24.png?fit=300%2C149&#038;ssl=1\" data-large-file=\"https:\/\/i0.wp.com\/itayachtscanada.com\/wp-content\/uploads\/2023\/09\/Capture-decran-le-2023-09-08-a-10.19.24.png?fit=700%2C347&#038;ssl=1\" src=\"https:\/\/i0.wp.com\/itayachtscanada.com\/wp-content\/uploads\/2023\/09\/Capture-decran-le-2023-09-08-a-10.19.24.png?w=696&#038;h=345&#038;ssl=1\" srcset=\"https:\/\/i0.wp.com\/itayachtscanada.com\/wp-content\/uploads\/2023\/09\/Capture-decran-le-2023-09-08-a-10.19.24.png?w=1568&amp;ssl=1 1568w, https:\/\/i0.wp.com\/itayachtscanada.com\/wp-content\/uploads\/2023\/09\/Capture-decran-le-2023-09-08-a-10.19.24.png?resize=300%2C149&amp;ssl=1 300w, https:\/\/i0.wp.com\/itayachtscanada.com\/wp-content\/uploads\/2023\/09\/Capture-decran-le-2023-09-08-a-10.19.24.png?resize=1024%2C508&amp;ssl=1 1024w, https:\/\/i0.wp.com\/itayachtscanada.com\/wp-content\/uploads\/2023\/09\/Capture-decran-le-2023-09-08-a-10.19.24.png?resize=768%2C381&amp;ssl=1 768w, https:\/\/i0.wp.com\/itayachtscanada.com\/wp-content\/uploads\/2023\/09\/Capture-decran-le-2023-09-08-a-10.19.24.png?resize=1536%2C762&amp;ssl=1 1536w, https:\/\/i0.wp.com\/itayachtscanada.com\/wp-content\/uploads\/2023\/09\/Capture-decran-le-2023-09-08-a-10.19.24.png?resize=1200%2C595&amp;ssl=1 1200w, https:\/\/i0.wp.com\/itayachtscanada.com\/wp-content\/uploads\/2023\/09\/Capture-decran-le-2023-09-08-a-10.19.24.png?resize=700%2C347&amp;ssl=1 700w, https:\/\/i0.wp.com\/itayachtscanada.com\/wp-content\/uploads\/2023\/09\/Capture-decran-le-2023-09-08-a-10.19.24.png?resize=806%2C400&amp;ssl=1 806w, https:\/\/i0.wp.com\/itayachtscanada.com\/wp-content\/uploads\/2023\/09\/Capture-decran-le-2023-09-08-a-10.19.24.png?w=1400&amp;ssl=1 1400w\" width=\"696\" height=\"345\" loading=\"lazy\" data-original-width=\"696\" data-original-height=\"345\" itemprop=\"http:\/\/schema.org\/image\" title=\"Capture d\u2019\u00e9cran, le 2023-09-08 \u00e0 10.19.24\" alt=\"Capture d\u2019\u00e9cran, le 2023-09-08 \u00e0 10.19.24\" style=\"width: 696px; height: 345px;\" \/> <\/a> <\/div> <\/div> <!-- close group --> <\/div> <!-- close row --> <div class=\"gallery-row\" style=\"width: 700px; height: 127px;\" data-original-width=\"700\" data-original-height=\"127\" > <div class=\"gallery-group images-1\" style=\"width: 192px; height: 127px;\" data-original-width=\"192\" data-original-height=\"127\" > <div class=\"tiled-gallery-item tiled-gallery-item-small\" itemprop=\"associatedMedia\" itemscope itemtype=\"http:\/\/schema.org\/ImageObject\"> <a href=\"https:\/\/itayachtscanada.com\/fr\/listing\/azimut-s7-2018-2100000-usd-for-sale\/capture-decran-le-2023-09-08-a-10-00-19\/\" border=\"0\" itemprop=\"url\"> <meta itemprop=\"width\" content=\"188\"> <meta itemprop=\"height\" content=\"123\"> <img decoding=\"async\" class=\"\" data-attachment-id=\"132456\" data-orig-file=\"https:\/\/itayachtscanada.com\/wp-content\/uploads\/2023\/09\/Capture-decran-le-2023-09-08-a-10.00.19.png\" data-orig-size=\"1110,730\" data-comments-opened=\"1\" data-image-meta=\"{&quot;aperture&quot;:&quot;0&quot;,&quot;credit&quot;:&quot;&quot;,&quot;camera&quot;:&quot;&quot;,&quot;caption&quot;:&quot;&quot;,&quot;created_timestamp&quot;:&quot;0&quot;,&quot;copyright&quot;:&quot;&quot;,&quot;focal_length&quot;:&quot;0&quot;,&quot;iso&quot;:&quot;0&quot;,&quot;shutter_speed&quot;:&quot;0&quot;,&quot;title&quot;:&quot;&quot;,&quot;orientation&quot;:&quot;0&quot;}\" data-image-title=\"Capture d\u2019\u00e9cran, le 2023-09-08 \u00e0 10.00.19\" data-image-description=\"\" data-medium-file=\"https:\/\/i0.wp.com\/itayachtscanada.com\/wp-content\/uploads\/2023\/09\/Capture-decran-le-2023-09-08-a-10.00.19.png?fit=300%2C197&#038;ssl=1\" data-large-file=\"https:\/\/i0.wp.com\/itayachtscanada.com\/wp-content\/uploads\/2023\/09\/Capture-decran-le-2023-09-08-a-10.00.19.png?fit=700%2C460&#038;ssl=1\" src=\"https:\/\/i0.wp.com\/itayachtscanada.com\/wp-content\/uploads\/2023\/09\/Capture-decran-le-2023-09-08-a-10.00.19.png?w=188&#038;h=123&#038;ssl=1\" srcset=\"https:\/\/i0.wp.com\/itayachtscanada.com\/wp-content\/uploads\/2023\/09\/Capture-decran-le-2023-09-08-a-10.00.19.png?w=1110&amp;ssl=1 1110w, https:\/\/i0.wp.com\/itayachtscanada.com\/wp-content\/uploads\/2023\/09\/Capture-decran-le-2023-09-08-a-10.00.19.png?resize=300%2C197&amp;ssl=1 300w, https:\/\/i0.wp.com\/itayachtscanada.com\/wp-content\/uploads\/2023\/09\/Capture-decran-le-2023-09-08-a-10.00.19.png?resize=1024%2C673&amp;ssl=1 1024w, https:\/\/i0.wp.com\/itayachtscanada.com\/wp-content\/uploads\/2023\/09\/Capture-decran-le-2023-09-08-a-10.00.19.png?resize=768%2C505&amp;ssl=1 768w, https:\/\/i0.wp.com\/itayachtscanada.com\/wp-content\/uploads\/2023\/09\/Capture-decran-le-2023-09-08-a-10.00.19.png?resize=700%2C460&amp;ssl=1 700w, https:\/\/i0.wp.com\/itayachtscanada.com\/wp-content\/uploads\/2023\/09\/Capture-decran-le-2023-09-08-a-10.00.19.png?resize=608%2C400&amp;ssl=1 608w\" width=\"188\" height=\"123\" loading=\"lazy\" data-original-width=\"188\" data-original-height=\"123\" itemprop=\"http:\/\/schema.org\/image\" title=\"Capture d\u2019\u00e9cran, le 2023-09-08 \u00e0 10.00.19\" alt=\"Capture d\u2019\u00e9cran, le 2023-09-08 \u00e0 10.00.19\" style=\"width: 188px; height: 123px;\" \/> <\/a> <\/div> <\/div> <!-- close group --> <div class=\"gallery-group images-1\" style=\"width: 85px; height: 127px;\" data-original-width=\"85\" data-original-height=\"127\" > <div class=\"tiled-gallery-item tiled-gallery-item-small\" itemprop=\"associatedMedia\" itemscope itemtype=\"http:\/\/schema.org\/ImageObject\"> <a href=\"https:\/\/itayachtscanada.com\/fr\/listing\/azimut-s7-2018-2100000-usd-for-sale\/capture-decran-le-2023-09-08-a-10-00-12\/\" border=\"0\" itemprop=\"url\"> <meta itemprop=\"width\" content=\"81\"> <meta itemprop=\"height\" content=\"123\"> <img decoding=\"async\" class=\"\" data-attachment-id=\"132457\" data-orig-file=\"https:\/\/itayachtscanada.com\/wp-content\/uploads\/2023\/09\/Capture-decran-le-2023-09-08-a-10.00.12.png\" data-orig-size=\"482,730\" data-comments-opened=\"1\" data-image-meta=\"{&quot;aperture&quot;:&quot;0&quot;,&quot;credit&quot;:&quot;&quot;,&quot;camera&quot;:&quot;&quot;,&quot;caption&quot;:&quot;&quot;,&quot;created_timestamp&quot;:&quot;0&quot;,&quot;copyright&quot;:&quot;&quot;,&quot;focal_length&quot;:&quot;0&quot;,&quot;iso&quot;:&quot;0&quot;,&quot;shutter_speed&quot;:&quot;0&quot;,&quot;title&quot;:&quot;&quot;,&quot;orientation&quot;:&quot;0&quot;}\" data-image-title=\"Capture d\u2019\u00e9cran, le 2023-09-08 \u00e0 10.00.12\" data-image-description=\"\" data-medium-file=\"https:\/\/i0.wp.com\/itayachtscanada.com\/wp-content\/uploads\/2023\/09\/Capture-decran-le-2023-09-08-a-10.00.12.png?fit=198%2C300&#038;ssl=1\" data-large-file=\"https:\/\/i0.wp.com\/itayachtscanada.com\/wp-content\/uploads\/2023\/09\/Capture-decran-le-2023-09-08-a-10.00.12.png?fit=482%2C730&#038;ssl=1\" src=\"https:\/\/i0.wp.com\/itayachtscanada.com\/wp-content\/uploads\/2023\/09\/Capture-decran-le-2023-09-08-a-10.00.12.png?w=81&#038;h=123&#038;ssl=1\" srcset=\"https:\/\/i0.wp.com\/itayachtscanada.com\/wp-content\/uploads\/2023\/09\/Capture-decran-le-2023-09-08-a-10.00.12.png?w=482&amp;ssl=1 482w, https:\/\/i0.wp.com\/itayachtscanada.com\/wp-content\/uploads\/2023\/09\/Capture-decran-le-2023-09-08-a-10.00.12.png?resize=198%2C300&amp;ssl=1 198w, https:\/\/i0.wp.com\/itayachtscanada.com\/wp-content\/uploads\/2023\/09\/Capture-decran-le-2023-09-08-a-10.00.12.png?resize=264%2C400&amp;ssl=1 264w\" width=\"81\" height=\"123\" loading=\"lazy\" data-original-width=\"81\" data-original-height=\"123\" itemprop=\"http:\/\/schema.org\/image\" title=\"Capture d\u2019\u00e9cran, le 2023-09-08 \u00e0 10.00.12\" alt=\"Capture d\u2019\u00e9cran, le 2023-09-08 \u00e0 10.00.12\" style=\"width: 81px; height: 123px;\" \/> <\/a> <\/div> <\/div> <!-- close group --> <div class=\"gallery-group images-1\" style=\"width: 159px; height: 127px;\" data-original-width=\"159\" data-original-height=\"127\" > <div class=\"tiled-gallery-item tiled-gallery-item-small\" itemprop=\"associatedMedia\" itemscope itemtype=\"http:\/\/schema.org\/ImageObject\"> <a href=\"https:\/\/itayachtscanada.com\/fr\/listing\/azimut-s7-2018-2100000-usd-for-sale\/layout-azimut-s7-diagram-2\/\" border=\"0\" itemprop=\"url\"> <meta itemprop=\"width\" content=\"155\"> <meta itemprop=\"height\" content=\"123\"> <img decoding=\"async\" class=\"\" data-attachment-id=\"132458\" data-orig-file=\"https:\/\/itayachtscanada.com\/wp-content\/uploads\/2023\/09\/layout-Azimut-S7-diagram.jpeg\" data-orig-size=\"962,768\" data-comments-opened=\"1\" data-image-meta=\"{&quot;aperture&quot;:&quot;0&quot;,&quot;credit&quot;:&quot;&quot;,&quot;camera&quot;:&quot;&quot;,&quot;caption&quot;:&quot;&quot;,&quot;created_timestamp&quot;:&quot;0&quot;,&quot;copyright&quot;:&quot;&quot;,&quot;focal_length&quot;:&quot;0&quot;,&quot;iso&quot;:&quot;0&quot;,&quot;shutter_speed&quot;:&quot;0&quot;,&quot;title&quot;:&quot;&quot;,&quot;orientation&quot;:&quot;0&quot;}\" data-image-title=\"layout-Azimut-S7-diagram\" data-image-description=\"\" data-medium-file=\"https:\/\/i0.wp.com\/itayachtscanada.com\/wp-content\/uploads\/2023\/09\/layout-Azimut-S7-diagram.jpeg?fit=300%2C240&#038;ssl=1\" data-large-file=\"https:\/\/i0.wp.com\/itayachtscanada.com\/wp-content\/uploads\/2023\/09\/layout-Azimut-S7-diagram.jpeg?fit=700%2C559&#038;ssl=1\" src=\"https:\/\/i0.wp.com\/itayachtscanada.com\/wp-content\/uploads\/2023\/09\/layout-Azimut-S7-diagram.jpeg?w=155&#038;h=123&#038;ssl=1\" srcset=\"https:\/\/i0.wp.com\/itayachtscanada.com\/wp-content\/uploads\/2023\/09\/layout-Azimut-S7-diagram.jpeg?w=962&amp;ssl=1 962w, https:\/\/i0.wp.com\/itayachtscanada.com\/wp-content\/uploads\/2023\/09\/layout-Azimut-S7-diagram.jpeg?resize=300%2C240&amp;ssl=1 300w, https:\/\/i0.wp.com\/itayachtscanada.com\/wp-content\/uploads\/2023\/09\/layout-Azimut-S7-diagram.jpeg?resize=768%2C613&amp;ssl=1 768w, https:\/\/i0.wp.com\/itayachtscanada.com\/wp-content\/uploads\/2023\/09\/layout-Azimut-S7-diagram.jpeg?resize=700%2C559&amp;ssl=1 700w, https:\/\/i0.wp.com\/itayachtscanada.com\/wp-content\/uploads\/2023\/09\/layout-Azimut-S7-diagram.jpeg?resize=501%2C400&amp;ssl=1 501w\" width=\"155\" height=\"123\" loading=\"lazy\" data-original-width=\"155\" data-original-height=\"123\" itemprop=\"http:\/\/schema.org\/image\" title=\"layout-Azimut-S7-diagram\" alt=\"layout-Azimut-S7-diagram\" style=\"width: 155px; height: 123px;\" \/> <\/a> <\/div> <\/div> <!-- close group --> <div class=\"gallery-group images-1\" style=\"width: 264px; height: 127px;\" data-original-width=\"264\" data-original-height=\"127\" > <div class=\"tiled-gallery-item tiled-gallery-item-large\" itemprop=\"associatedMedia\" itemscope itemtype=\"http:\/\/schema.org\/ImageObject\"> <a href=\"https:\/\/itayachtscanada.com\/fr\/listing\/azimut-s7-2018-2100000-usd-for-sale\/s7-crew-cabin\/\" border=\"0\" itemprop=\"url\"> <meta itemprop=\"width\" content=\"260\"> <meta itemprop=\"height\" content=\"123\"> <img decoding=\"async\" class=\"\" data-attachment-id=\"132460\" data-orig-file=\"https:\/\/itayachtscanada.com\/wp-content\/uploads\/2023\/09\/S7-Crew-Cabin.jpeg\" data-orig-size=\"1256,595\" data-comments-opened=\"1\" data-image-meta=\"{&quot;aperture&quot;:&quot;0&quot;,&quot;credit&quot;:&quot;&quot;,&quot;camera&quot;:&quot;&quot;,&quot;caption&quot;:&quot;&quot;,&quot;created_timestamp&quot;:&quot;0&quot;,&quot;copyright&quot;:&quot;&quot;,&quot;focal_length&quot;:&quot;0&quot;,&quot;iso&quot;:&quot;0&quot;,&quot;shutter_speed&quot;:&quot;0&quot;,&quot;title&quot;:&quot;&quot;,&quot;orientation&quot;:&quot;0&quot;}\" data-image-title=\"S7-Crew-Cabin\" data-image-description=\"\" data-medium-file=\"https:\/\/i0.wp.com\/itayachtscanada.com\/wp-content\/uploads\/2023\/09\/S7-Crew-Cabin.jpeg?fit=300%2C142&#038;ssl=1\" data-large-file=\"https:\/\/i0.wp.com\/itayachtscanada.com\/wp-content\/uploads\/2023\/09\/S7-Crew-Cabin.jpeg?fit=700%2C332&#038;ssl=1\" src=\"https:\/\/i0.wp.com\/itayachtscanada.com\/wp-content\/uploads\/2023\/09\/S7-Crew-Cabin.jpeg?w=260&#038;h=123&#038;ssl=1\" srcset=\"https:\/\/i0.wp.com\/itayachtscanada.com\/wp-content\/uploads\/2023\/09\/S7-Crew-Cabin.jpeg?w=1256&amp;ssl=1 1256w, https:\/\/i0.wp.com\/itayachtscanada.com\/wp-content\/uploads\/2023\/09\/S7-Crew-Cabin.jpeg?resize=300%2C142&amp;ssl=1 300w, https:\/\/i0.wp.com\/itayachtscanada.com\/wp-content\/uploads\/2023\/09\/S7-Crew-Cabin.jpeg?resize=1024%2C485&amp;ssl=1 1024w, https:\/\/i0.wp.com\/itayachtscanada.com\/wp-content\/uploads\/2023\/09\/S7-Crew-Cabin.jpeg?resize=768%2C364&amp;ssl=1 768w, https:\/\/i0.wp.com\/itayachtscanada.com\/wp-content\/uploads\/2023\/09\/S7-Crew-Cabin.jpeg?resize=1200%2C568&amp;ssl=1 1200w, https:\/\/i0.wp.com\/itayachtscanada.com\/wp-content\/uploads\/2023\/09\/S7-Crew-Cabin.jpeg?resize=700%2C332&amp;ssl=1 700w, https:\/\/i0.wp.com\/itayachtscanada.com\/wp-content\/uploads\/2023\/09\/S7-Crew-Cabin.jpeg?resize=844%2C400&amp;ssl=1 844w\" width=\"260\" height=\"123\" loading=\"lazy\" data-original-width=\"260\" data-original-height=\"123\" itemprop=\"http:\/\/schema.org\/image\" title=\"S7-Crew-Cabin\" alt=\"S7-Crew-Cabin\" style=\"width: 260px; height: 123px;\" \/> <\/a> <\/div> <\/div> <!-- close group --> <\/div> <!-- close row --> <\/div>\n<p>&nbsp;<\/p>\n<div class=\"jetpack-video-wrapper\"><span class=\"embed-youtube\" style=\"text-align:center; display: block;\"><iframe loading=\"lazy\" class=\"youtube-player\" width=\"700\" height=\"394\" src=\"https:\/\/www.youtube.com\/embed\/VPPSZKcAJao?version=3&#038;rel=1&#038;showsearch=0&#038;showinfo=1&#038;iv_load_policy=1&#038;fs=1&#038;hl=fr-FR&#038;autohide=2&#038;wmode=transparent\" allowfullscreen=\"true\" style=\"border:0;\" sandbox=\"allow-scripts allow-same-origin allow-popups allow-presentation allow-popups-to-escape-sandbox\"><\/iframe><\/span><\/div>\n<p>&nbsp;<\/p>\n<div class=\"jetpack-video-wrapper\"><span class=\"embed-youtube\" style=\"text-align:center; display: block;\"><iframe loading=\"lazy\" class=\"youtube-player\" width=\"700\" height=\"394\" src=\"https:\/\/www.youtube.com\/embed\/4dDVxTBKhfM?version=3&#038;rel=1&#038;showsearch=0&#038;showinfo=1&#038;iv_load_policy=1&#038;fs=1&#038;hl=fr-FR&#038;autohide=2&#038;start=33&#038;wmode=transparent\" allowfullscreen=\"true\" style=\"border:0;\" sandbox=\"allow-scripts allow-same-origin allow-popups allow-presentation allow-popups-to-escape-sandbox\"><\/iframe><\/span><\/div>\n<p>&nbsp;<\/p>\n<div class=\"jetpack-video-wrapper\"><span class=\"embed-youtube\" style=\"text-align:center; display: block;\"><iframe loading=\"lazy\" class=\"youtube-player\" width=\"700\" height=\"394\" src=\"https:\/\/www.youtube.com\/embed\/E8uQvV6X5sE?version=3&#038;rel=1&#038;showsearch=0&#038;showinfo=1&#038;iv_load_policy=1&#038;fs=1&#038;hl=fr-FR&#038;autohide=2&#038;start=37&#038;wmode=transparent\" allowfullscreen=\"true\" style=\"border:0;\" sandbox=\"allow-scripts allow-same-origin allow-popups allow-presentation allow-popups-to-escape-sandbox\"><\/iframe><\/span><\/div>\n<p>&nbsp;<\/p>\n<div class=\"jetpack-video-wrapper\"><span class=\"embed-youtube\" style=\"text-align:center; display: block;\"><iframe loading=\"lazy\" class=\"youtube-player\" width=\"700\" height=\"394\" src=\"https:\/\/www.youtube.com\/embed\/9CzEDmuiYBE?version=3&#038;rel=1&#038;showsearch=0&#038;showinfo=1&#038;iv_load_policy=1&#038;fs=1&#038;hl=fr-FR&#038;autohide=2&#038;start=22&#038;wmode=transparent\" allowfullscreen=\"true\" style=\"border:0;\" sandbox=\"allow-scripts allow-same-origin allow-popups allow-presentation allow-popups-to-escape-sandbox\"><\/iframe><\/span><\/div>\n<p>&nbsp;<\/p>\n<div>\n<p>&nbsp;<\/p>\n<div>\n<p><b>Ita Yachts Canada propose de vous assister et de voir \u00e0 vos int\u00e9r\u00eats pour l\u2019achat de ce yacht qui est \u00e0 vendre par une autre organisation. Nous serons pr\u00e9sents lors de l\u2019inspection et tout au long de la transaction et ce peu importe sa localisation. L\u2019\u00e9quipe d\u2019Ita Yachts Canada se soumet au plus haut standard d\u2019\u00e9thique.<\/b><\/p>\n<\/div>\n<p>Description:<\/p>\n<\/div>\n<\/div>\n<\/div>\n<\/div>\n<\/div>\n<\/div>\n<\/div>\n<\/div>\n<\/div>\n<\/div>\n<\/div>\n<\/div>\n<\/div>\n<div>\n<div class=\"html-content-description\">Salon:<\/div>\n<div class=\"html-content-description\">TV dissimul\u00e9 dans un meuble<br \/>\nRafra\u00eechisseur de vin<br \/>\nTable \u00e9lectrique r\u00e9glable<br \/>\nCanap\u00e9 en L<br \/>\nEnsemble d&rsquo;\u00e9clairage de luxe<br \/>\nPlancher en bois<br \/>\nEnsemble A\/V BOSE avec contr\u00f4le par application<br \/>\nSyst\u00e8mes Apple TV et SAT TV<\/div>\n<div><\/div>\n<div><\/div>\n<div class=\"html-content-description\">Poste de pilotage:<\/div>\n<div class=\"html-content-description\">Toit rigide \u00e9lectrique au-dessus du poste de pilotage int\u00e9rieur<br \/>\nPropulsion Volvo Penta IPS avec direction par joystick<br \/>\nPropulseur d&rsquo;\u00e9trave (3 stations multiples)<br \/>\nProjecteur \u00e9lectrique<br \/>\nPortes d&rsquo;acc\u00e8s lat\u00e9rales au cockpit<br \/>\nPuces Raymarine mises \u00e0 jour<br \/>\nEnsemble de navigation Raymarine Platinum, plus FLIR<br \/>\nSondeur Raymarine CP100<br \/>\nRaymarine AIS700<br \/>\nSi\u00e8ge de copilote<br \/>\nStore \u00e9lectrique occultant pour le Hard-top<\/div>\n<div><\/div>\n<div><\/div>\n<div class=\"html-content-description\">Cuisine:<br \/>\nAppareils Miele (micro-ondes, four, cuisini\u00e8re)<br \/>\nR\u00e9frig\u00e9rateur et cong\u00e9lateur<br \/>\nR\u00e9frig\u00e9rateur suppl\u00e9mentaire (sous l&rsquo;escalier)<br \/>\nLave-vaisselle<br \/>\nSyst\u00e8me d&rsquo;\u00e9clairage<br \/>\nLave-linge et s\u00e8che-linge (deux unit\u00e9s s\u00e9par\u00e9es)<\/div>\n<div><\/div>\n<div><\/div>\n<div class=\"html-content-description\">Cabine principale:<\/div>\n<div class=\"html-content-description\">Couchette Queen<br \/>\nD\u00e9cor personnalis\u00e9<br \/>\nLinge de maison complet<br \/>\nMiroir<br \/>\nCoffre-fort<br \/>\nSalle d&rsquo;eau avec douche s\u00e9par\u00e9e<br \/>\nTable de toilette<br \/>\nToilettes avec robinet Bidet<br \/>\nPlacard de grande taille<br \/>\nSyst\u00e8me de t\u00e9l\u00e9vision par satellite<\/div>\n<div><\/div>\n<div><\/div>\n<div class=\"html-content-description\">Cabine VIP:<\/div>\n<div class=\"html-content-description\">Couchette Queen<br \/>\nSyst\u00e8me de t\u00e9l\u00e9vision par satellite<br \/>\nD\u00e9cor sur mesure Ensemble complet de draps<br \/>\nSalle d&rsquo;eau avec douche s\u00e9par\u00e9e<\/div>\n<div><\/div>\n<div><\/div>\n<div class=\"html-content-description\">Cabine d&rsquo;invit\u00e9 b\u00e2bord:<\/div>\n<div class=\"html-content-description\">Deux lits jumeaux<br \/>\nD\u00e9cor sur mesure surclassement Linge de maison complet<br \/>\nApple TV<br \/>\nAcc\u00e8s \u00e0 la salle d&rsquo;eau avec douche s\u00e9par\u00e9e<\/div>\n<div><\/div>\n<div><\/div>\n<div class=\"html-content-description\">Cabine d&rsquo;invit\u00e9s \u00e0 tribord:<\/div>\n<div class=\"html-content-description\">Couchettes superpos\u00e9es et superpos\u00e9es<br \/>\nApple TV<br \/>\nD\u00e9cor sur mesure Ensemble complet de linge de maison<br \/>\nAcc\u00e8s \u00e0 la salle d&rsquo;eau avec douche s\u00e9par\u00e9e<\/div>\n<div><\/div>\n<div><\/div>\n<div class=\"html-content-description\">Pont sup\u00e9rieur:<\/div>\n<div class=\"html-content-description\">Poste de commande Seakeeper suppl\u00e9mentaire sur le poste de pilotage du flybridge<br \/>\nSi\u00e8ge de copilote sur le poste de pilotage du flybridge<br \/>\nR\u00e9frig\u00e9rateur \u00e0 tiroir<br \/>\nBimini Top<br \/>\nCanap\u00e9<br \/>\nCoussins am\u00e9lior\u00e9s<br \/>\nHaut-parleurs JL Audio Marine<br \/>\nTable de proue<br \/>\nTable<br \/>\nBimini hydraulique<br \/>\nCanap\u00e9<br \/>\nPare-soleil<br \/>\nAncre Ultra Marine avec cha\u00eene et syst\u00e8me de lavage automatique<br \/>\nHaut-parleurs JL Audio Marine<\/div>\n<div><\/div>\n<div><\/div>\n<div class=\"html-content-description\">Cockpit:<\/div>\n<div class=\"html-content-description\">Poste d&rsquo;amarrage dans le cockpit<br \/>\nTreuils d&rsquo;amarrage \u00e9lectriques<br \/>\nAuvent<br \/>\nTable avec plateau en carbone<br \/>\nCoin repas avec Wet Bar avec r\u00e9frig\u00e9rateur et barbecue<br \/>\nCoussins ext\u00e9rieurs am\u00e9lior\u00e9s en tissu Ice-maker<br \/>\nHaut-parleurs marins JL Audio Zone de repos<br \/>\nR\u00e9frig\u00e9rateur sous l&rsquo;escalier du cockpit<\/div>\n<div><\/div>\n<div><\/div>\n<div class=\"html-content-description\">Poupe:<\/div>\n<div class=\"html-content-description\">Plate-forme de bain pivotante en teck (scell\u00e9e)<br \/>\nRideau de couverture pour porte de garage<br \/>\nSyst\u00e8me de hissage et de mise \u00e0 l&rsquo;eau de l&rsquo;annexe<br \/>\nEnsemble complet de roulettes pour Jet Ski<\/div>\n<div><\/div>\n<div><\/div>\n<div class=\"html-content-description\">Coque et pont:<\/div>\n<div class=\"html-content-description\">Teck sur les 3 ponts et la plateforme de bain pivotante (scell\u00e9)<br \/>\nLumi\u00e8res \u00e0 variateur d&rsquo;intensit\u00e9<br \/>\nEclairage sous-marin<br \/>\nPasserelle t\u00e9lescopique<br \/>\nDiverses d\u00e9fenses, couvertures, bo\u00eete \u00e0 outils, etc.<\/div>\n<div><\/div>\n<div><\/div>\n<div class=\"html-content-description\">Cabine d&rsquo;\u00e9quipage:<\/div>\n<div class=\"html-content-description\">Couchettes doubles<br \/>\nD\u00e9cor Custom Upgrade Linge de maison complet<br \/>\nCoffre-fort<\/div>\n<div><\/div>\n<div><\/div>\n<div class=\"html-content-description\">Syst\u00e8mes \u00e9lectriques et m\u00e9caniques:<\/div>\n<div class=\"html-content-description\">Syst\u00e8me de climatisation Super Tropical 120 000 BTU<br \/>\nG\u00e9n\u00e9ratrice avec 795 heures<br \/>\nC\u00e2bles Glendenning<br \/>\nSyst\u00e8me de transfert de carburant<br \/>\nD\u00e9tecteurs de dioxyde de carbone<br \/>\nMat\u00e9riel de nettoyage complet<\/div>\n<div class=\"html-content-description\">\u00c9quipement de s\u00e9curit\u00e9 complet<br \/>\nDiverses d\u00e9fenses, couvertures, bo\u00eete \u00e0 outils, etc.<br \/>\nAspirateur central<\/div>\n<div><\/div>\n<div><\/div>\n<div class=\"html-content-description\">Annexe ou dinghy :<br \/>\nAnnexe Williams 345 Sportjet avec moteur 90cv (en \u00e9tat impeccable, 2023)<br \/>\nSyst\u00e8me de charge personnalis\u00e9 install\u00e9 pour l&rsquo;annexe<br \/>\nSyst\u00e8me de treuil automatique pour l&rsquo;annexe<\/div>\n<div><\/div>\n<\/div>\n<div>\n<div class=\"content-header\"><\/div>\n<div><\/div>\n<\/div>\n<div>\n<p><strong>AVIS DE NON-RESPONSABILIT\u00c9<\/strong><\/p>\n<\/div>\n<div>\n<p><strong>Le bateau qui est pr\u00e9sent\u00e9 sur cette page, l\u2019est uniquement \u00e0 titre d&rsquo;information et n&rsquo;est pas n\u00e9cessairement toujours disponible \u00e0 la vente et\/ou \u00e0 la location.<\/strong><span class=\"apple-converted-space\"><b>\u00a0<\/b><\/span><strong>Ce bateau est peut-\u00eatre offert sous r\u00e9serve, il faut v\u00e9rifier sa disponibilit\u00e9.<\/strong><span class=\"apple-converted-space\"><b>\u00a0<\/b><\/span><strong>\u00a0Ce document ou cette annonce n&rsquo;est pas contractuel. Les informations sur les bateaux affich\u00e9es dans les r\u00e9sultats ci-dessus sont pr\u00e9sent\u00e9es en toute bonne foi et, bien qu&rsquo;elles soient consid\u00e9r\u00e9es comme correctes, elles ne sont pas garanties. Ita Yachts Canada ne garantit pas et n&rsquo;assume aucune responsabilit\u00e9 l\u00e9gale ou responsabilit\u00e9 pour l&rsquo;exactitude, l&rsquo;exhaustivit\u00e9 ou l&rsquo;utilit\u00e9 des informations et\/ou des images affich\u00e9es, car elles peuvent ne pas \u00eatre \u00e0 jour ou encore \u00eatres des images d&rsquo;un bateau comparable. Toutes les informations sur les bateaux peuvent \u00eatre modifi\u00e9es sans pr\u00e9avis et sont sans garantie.<\/strong><span class=\"apple-converted-space\">\u00a0<\/span><strong>Ce bateau est peut-\u00eatre offert par un autre courtier ouvert au co-courtage (co-brokerage).<\/strong><\/p>\n<\/div>\n<p>&nbsp;<\/p>\n<div data-test='contact-form'\n\t\t\tid='contact-form-132388'\n\t\t\tclass='jetpack-contact-form-container '\n\t\t\tdata-wp-interactive='jetpack\/form' data-wp-context='{\"formId\":\"132388\",\"formHash\":\"cb96f0767dda3724989bc60a61aea72286e835c2\",\"showErrors\":false,\"errors\":[],\"fields\":[],\"isMultiStep\":false,\"useAjax\":false,\"submissionData\":null,\"formattedSubmissionData\":[],\"submissionSuccess\":false,\"submissionError\":null,\"elementId\":\"jp-form-cb96f0767dda3724989bc60a61aea72286e835c2\",\"isSingleInputForm\":false,\"isForcedHorizontal\":false}'\n\t\t\tdata-wp-watch--scroll-to-wrapper=\"callbacks.scrollToWrapper\"\n\t\t>\n<div class=\"contact-form-submission contact-form-ajax-submission\" data-wp-bind--aria-hidden=\"state.isSuccessMessageAriaHidden\" data-wp-class--submission-success=\"context.submissionSuccess\" id=\"contact-form-success-cb96f0767dda3724989bc60a61aea72286e835c2\" tabindex=\"-1\" aria-labelledby=\"contact-form-success-header-cb96f0767dda3724989bc60a61aea72286e835c2\"><p class=\"go-back-message\"><a class=\"link\" role=\"button\" tabindex=\"0\" data-wp-on--click=\"actions.goBack\" href=\"\/fr\/wp-json\/wp\/v2\/listing\/132388\">\u2190 Retour<\/a><\/p><h4 data-wp-bind--aria-hidden=\"state.isSuccessMessageAriaHidden\" id=\"contact-form-success-header-cb96f0767dda3724989bc60a61aea72286e835c2\">Merci pour votre r\u00e9ponse. \u2728<\/h4>\n\n<template data-wp-each--submission=\"context.formattedSubmissionData\">\n\t\t\t\t\t<div class=\"jetpack_forms_contact-form-success-summary\">\n\t\t\t\t\t\t<div class=\"field-name-wrapper\">\n\t\t\t\t\t\t\t<div class=\"field-type-icon\" data-wp-watch=\"callbacks.watchFieldTypeIcon\"><\/div>\n\t\t\t\t\t\t\t<div class=\"field-name\" data-wp-text=\"context.submission.label\" data-wp-bind--hidden=\"!context.submission.label\"><\/div>\n\t\t\t\t\t\t<\/div>\n\t\t\t\t\t\t<div class=\"field-value\" data-wp-text=\"context.submission.value\" data-wp-bind--hidden=\"!context.submission.showPlainValue\"><\/div>\n\t\t\t\t\t\t<a class=\"field-url\" data-wp-bind--href=\"context.submission.url\" data-wp-text=\"context.submission.value\" data-wp-bind--hidden=\"!context.submission.url\" target=\"_blank\" rel=\"noopener noreferrer\"><\/a>\n\t\t\t\t\t\t<div class=\"field-rating\" data-wp-bind--hidden=\"!context.submission.rating\" data-wp-watch=\"callbacks.watchRatingIcons\"><\/div>\n\t\t\t\t\t\t<div class=\"field-images\" data-wp-bind--hidden=\"!context.submission.images\">\n\t\t\t\t\t\t\t<template data-wp-each--image=\"context.submission.images\">\n\t\t\t\t\t\t\t\t<div class=\"field-image-option\" data-wp-class--is-empty=\"!context.image.src\">\n\t\t\t\t\t\t\t\t\t<figure class=\"field-image-option__image\" data-wp-class--is-empty=\"!context.image.src\">\n\t\t\t\t\t\t\t\t\t\t<img data-wp-bind--src=\"context.image.src\" data-wp-bind--hidden=\"!context.image.src\" \/>\n\t\t\t\t\t\t\t\t\t\t<img decoding=\"async\" src=\"data:image\/gif;base64,R0lGODlhAQABAAD\/ACwAAAAAAQABAAACADs=\" data-wp-bind--hidden=\"context.image.src\" \/>\n\t\t\t\t\t\t\t\t\t<\/figure>\n\t\t\t\t\t\t\t\t\t<div class=\"field-image-option__label-wrapper\">\n\t\t\t\t\t\t\t\t\t\t<span class=\"field-image-option__label-code\" data-wp-text=\"context.image.letterCode\"><\/span>\n\t\t\t\t\t\t\t\t\t\t<span class=\"field-image-option__label\" data-wp-text=\"context.image.label\" data-wp-bind--hidden=\"!context.image.label\"><\/span>\n\t\t\t\t\t\t\t\t\t<\/div>\n\t\t\t\t\t\t\t\t<\/div>\n\t\t\t\t\t\t\t<\/template>\n\t\t\t\t\t\t<\/div>\n\t\t\t\t\t\t<div class=\"field-files\" data-wp-bind--hidden=\"!context.submission.files\">\n\t\t\t\t\t\t\t<template data-wp-each--file=\"context.submission.files\">\n\t\t\t\t\t\t\t\t<div class=\"field-file\">\n\t\t\t\t\t\t\t\t\t<div class=\"field-file__thumbnail\" data-wp-style--background-image=\"context.file.previewUrl\" data-wp-style--mask-image=\"context.file.iconUrl\" data-wp-bind--hidden=\"!context.file.hasPreview\"><\/div>\n\t\t\t\t\t\t\t\t\t<svg class=\"field-file__icon\" data-wp-bind--hidden=\"context.file.hasPreview\" width=\"20\" height=\"20\" viewBox=\"0 0 24 24\" fill=\"none\" xmlns=\"http:\/\/www.w3.org\/2000\/svg\" aria-hidden=\"true\">\n\t\t\t\t\t\t\t\t\t\t<path d=\"M14 2H6C4.9 2 4 2.9 4 4V20C4 21.1 4.89 22 5.99 22H18C19.1 22 20 21.1 20 20V8L14 2ZM18 20H6V4H13V9H18V20Z\" fill=\"currentColor\"\/>\n\t\t\t\t\t\t\t\t\t<\/svg>\n\t\t\t\t\t\t\t\t\t<span class=\"field-file__name\" data-wp-text=\"context.file.name\"><\/span>\n\t\t\t\t\t\t\t\t\t<span class=\"field-file__size\" data-wp-text=\"context.file.size\"><\/span>\n\t\t\t\t\t\t\t\t<\/div>\n\t\t\t\t\t\t\t<\/template>\n\t\t\t\t\t\t<\/div>\n\t\t\t\t\t<\/div>\n\t\t\t\t<\/template><\/div><form action='https:\/\/itayachtscanada.com\/fr\/listing\/azimut-s7-2018-2100000-usd-for-sale\/'\n\t\t\t\tid='jp-form-cb96f0767dda3724989bc60a61aea72286e835c2'\n\t\t\t\tmethod='post'\n\t\t\t\tclass='contact-form commentsblock jetpack-contact-form__form has-no-jetpack-form-layout' aria-label=\"{:en}Azimut S7 2018 $2,100,000 usd for sale{:}{:fr}Azimut S7 2018 $2,100,000 usd \u00e0 vendre{:}\"\n\t\t\t\tdata-wp-on--submit=\"actions.onFormSubmit\"\n\t\t\t\tdata-wp-on--reset=\"actions.onFormReset\"\n\t\t\t\tdata-wp-class--submission-success=\"context.submissionSuccess\"\n\t\t\t\tdata-wp-class--is-first-step=\"state.isFirstStep\"\n\t\t\t\tdata-wp-class--is-last-step=\"state.isLastStep\"\n\t\t\t\tdata-wp-class--is-ajax-form=\"context.useAjax\"\n\t\t\t\tnovalidate >\n<input type='hidden' name='jetpack_contact_form_jwt' value='eyJ0eXAiOiJKV1QiLCJhbGciOiJIUzI1NiJ9.eyJlbmNyeXB0ZWRfYXR0cmlidXRlcyI6ImJseDRzempxVlVLd2MwelkvQ0xQMWpGVFR4RmtqL1hndDdHME1FTFpjeStIWTlKakJ2b2JQaWJPdHo2OHltUGo4OWUzdHU1alp5Z3RpUmh3SXNOWU5TeGdWR3hsRDVXcEFJMExXbHBQZFhITEhHU3gvL3hXTVBKcy9nT2JUblBZM1FRMWorN1d1Yzh0WnJFdmZlSkFlQ050QjBid051bU1qWVd3UXBRZVlIcTRTRGE4OXZ0b3dXU05CUWtRTFRaQ1pxV2JwVjl4Rm1rbGFZdW1FZDJPV0I4U1pwT0llTWFBNjlKVUU4elZzc0M0VXdUUEpCQzVKQXBVTUpJY0I0cFZDSzBINi9UTVkrd29UL2ttcmZicUlyYU9hYUs5VjlGWGJGRElhSzE1cTVvQkx4RU9iQUJLWmJBdklmTVdCaXNMek9oeFg4bHlaSm0wcTh3MTduL090dkpUK01FbFh5QmhZMHZwZkNXaXA1bXJGTHpkOEYxb0tBbHJ2VUdpOGRyaFJSN1BycitqMGl1Uy9laGFZcS81VUgrWUppQ0Q5MHlSU2ZYUWpSZ1BIYVgyN2RLKzNndFhrSXlHdnZTUE9VMTRuaDN6aUR2VDhiRGdJVHpUdnRORjVNYzZZRU9iYXAzT0drTUhOaGxxbVZvcWF0T0R3SDhpaUFkQW5WMEFEYUpCOG1UOFp2dnZqa0t4NkVQNjR6R0Ntd0lUaitWM3VTUHcrUFhZeWlaOFFuZHNtaTZZckowY042Y1ZzbGlWdjgvaTVvems1YnVUT0o2S3dtaFY0ajFaMU5FUnFDK3piU0FTZlJLek1WVGpMM2lrUFE1cHdocldveFFJQ2F4YUs3UVBWb3FrM2p2SzU4amZrNDF3YTZrS2trTkduRUd2SWhIVFMxL0U0NkNSTmo0aUtQWUMzREZHUXFGOWtzOFA5YkJmZUNNUjhRTTJxa1pKODVSREU4MHErSW5ubWtFdHZSWWY5QkFHRk9JeVVkVVE4b1pFMjNVTUdPZzVaRDJrTnVLZjc0L0pYdG11WXZ6TDkxdVZUQWtualdDK21LemtMeFl0UE1JZkNqZ1lGWGFrV0xXMzdVNEkxb0N4N3NvY0N4OXhTZGliS2FydE9iM1pieEdMT1pTVnRER3lJaG5aM0FSMHVlTWwwalZSb3pPZmc5N2FLN3NWQnNFVDRyNlFCYm56QU5ZcWk5cE1SOUdqWFZzWlpiN2VlK3llZGpPSlZNR2djSG5BUXdkN1hJSGhoU201QlRub2dWdTR4bFNWeEw5bXBvbFdtN1VEczY5YURSWEFKOFVwdGQrN0pnPT0iLCJjb250ZW50IjoiW2NvbnRhY3QtZmllbGQgbGFiZWw9XCJOb21cIiB0eXBlPVwibmFtZVwiIHJlcXVpcmVkPVwiMVwiXVtjb250YWN0LWZpZWxkIGxhYmVsPVwiRS1tYWlsXCIgdHlwZT1cImVtYWlsXCIgcmVxdWlyZWQ9XCIxXCJdW2NvbnRhY3QtZmllbGQgbGFiZWw9XCJBdSBzdWpldCBkZSBjZSB5YWNodCA6IFwiIHR5cGU9XCJ0ZXh0XCJdW2NvbnRhY3QtZmllbGQgbGFiZWw9XCJNZXNzYWdlXCIgdHlwZT1cInRleHRhcmVhXCJdIiwiaGFzaCI6ImNiOTZmMDc2N2RkYTM3MjQ5ODliYzYwYTYxYWVhNzIyODZlODM1YzIiLCJzb3VyY2UiOnsiZW50cnlfdGl0bGUiOiJBemltdXQgUzcgMjAxOCAkMiwxMDAsMDAwIHVzZCBcdTAwZTAgdmVuZHJlIiwiZW50cnlfcGFnZSI6MSwic291cmNlX2lkIjoxMzIzODgsInNvdXJjZV90eXBlIjoic2luZ2xlIiwicmVxdWVzdF91cmwiOiJodHRwczovL2l0YXlhY2h0c2NhbmFkYS5jb20vZnIvd3AtanNvbi93cC92Mi9saXN0aW5nLzEzMjM4OCJ9LCJ2ZXJzaW9uIjoyLCJjaXBoZXIiOiJhZXMtMjU2LWdjbSJ9.JIju2Re7MlvTbEGiopPFiI16ESZxAk5B3mDARrI1uBs' \/>\n\n<div style=\"\"  data-wp-interactive=\"jetpack\/form\" data-wp-context='{\"fieldId\":\"g132388-nom\",\"fieldType\":\"name\",\"fieldLabel\":\"Nom\",\"fieldValue\":\"\",\"fieldPlaceholder\":\"\",\"fieldIsRequired\":\"1\",\"fieldErrorMessage\":\"\",\"fieldExtra\":[],\"formHash\":\"cb96f0767dda3724989bc60a61aea72286e835c2\"}'  class='grunion-field-name-wrap grunion-field-wrap'  data-wp-init='callbacks.initializeField' data-wp-on--jetpack-form-reset='callbacks.initializeField' >\n<label\n\t\t\t\tfor='g132388-nom' class=\"grunion-field-label name\" >Nom<span class=\"grunion-label-required\" aria-hidden=\"true\">(obligatoire)<\/span><\/label>\n<input\n\t\t\t\t\ttype='text'\n\t\t\t\t\tname='g132388-nom'\n\t\t\t\t\tid='g132388-nom'\n\t\t\t\t\tvalue=''\n\n\t\t\t\t\tdata-wp-bind--aria-invalid='state.fieldAriaInvalid'\n\t\t\t\t\tdata-wp-bind--value='state.getFieldValue'\n\t\t\t\t\taria-describedby='g132388-nom-text-error-message'\n\t\t\t\t\tdata-wp-on--input='actions.onFieldChange'\n\t\t\t\t\tdata-wp-on--blur='actions.onFieldBlur'\n\t\t\t\t\tdata-wp-class--has-value='state.hasFieldValue'\n\n\t\t\t\t\tclass='name  grunion-field' \n\t\t\t\t\trequired='true' aria-required='true'  \/>\n \n\t\t\t<div id=\"g132388-nom-text-error\" class=\"contact-form__input-error\" data-wp-class--has-errors=\"state.fieldHasErrors\">\n\t\t\t\t<span class=\"contact-form__warning-icon\" aria-hidden=\"true\">\n\t\t\t\t\t<svg width=\"16\" height=\"16\" viewBox=\"0 0 16 16\" fill=\"none\" xmlns=\"http:\/\/www.w3.org\/2000\/svg\">\n\t\t\t\t\t\t<path d=\"M8.50015 11.6402H7.50015V10.6402H8.50015V11.6402Z\" \/>\n\t\t\t\t\t\t<path d=\"M7.50015 9.64018H8.50015V6.30684H7.50015V9.64018Z\" \/>\n\t\t\t\t\t\t<path fill-rule=\"evenodd\" clip-rule=\"evenodd\" d=\"M6.98331 3.0947C7.42933 2.30177 8.57096 2.30177 9.01698 3.09469L13.8771 11.7349C14.3145 12.5126 13.7525 13.4735 12.8602 13.4735H3.14004C2.24774 13.4735 1.68575 12.5126 2.12321 11.7349L6.98331 3.0947ZM8.14541 3.58496C8.08169 3.47168 7.9186 3.47168 7.85488 3.58496L2.99478 12.2251C2.93229 12.3362 3.01257 12.4735 3.14004 12.4735H12.8602C12.9877 12.4735 13.068 12.3362 13.0055 12.2251L8.14541 3.58496Z\" \/>\n\t\t\t\t\t<\/svg>\n\t\t\t\t<\/span>\n\t\t\t\t<span data-wp-text=\"state.errorMessage\" id=\"g132388-nom-text-error-message\"><\/span>\n\t\t\t<\/div> \n\t<\/div>\n\n<div style=\"\"  data-wp-interactive=\"jetpack\/form\" data-wp-context='{\"fieldId\":\"g132388-email\",\"fieldType\":\"email\",\"fieldLabel\":\"E-mail\",\"fieldValue\":\"\",\"fieldPlaceholder\":\"\",\"fieldIsRequired\":\"1\",\"fieldErrorMessage\":\"\",\"fieldExtra\":[],\"formHash\":\"cb96f0767dda3724989bc60a61aea72286e835c2\"}'  class='grunion-field-email-wrap grunion-field-wrap'  data-wp-init='callbacks.initializeField' data-wp-on--jetpack-form-reset='callbacks.initializeField' >\n<label\n\t\t\t\tfor='g132388-email' class=\"grunion-field-label email\" >E-mail<span class=\"grunion-label-required\" aria-hidden=\"true\">(obligatoire)<\/span><\/label>\n<input\n\t\t\t\t\ttype='email'\n\t\t\t\t\tname='g132388-email'\n\t\t\t\t\tid='g132388-email'\n\t\t\t\t\tvalue=''\n\n\t\t\t\t\tdata-wp-bind--aria-invalid='state.fieldAriaInvalid'\n\t\t\t\t\tdata-wp-bind--value='state.getFieldValue'\n\t\t\t\t\taria-describedby='g132388-email-email-error-message'\n\t\t\t\t\tdata-wp-on--input='actions.onFieldChange'\n\t\t\t\t\tdata-wp-on--blur='actions.onFieldBlur'\n\t\t\t\t\tdata-wp-class--has-value='state.hasFieldValue'\n\n\t\t\t\t\tclass='email  grunion-field' \n\t\t\t\t\trequired='true' aria-required='true'  \/>\n \n\t\t\t<div id=\"g132388-email-email-error\" class=\"contact-form__input-error\" data-wp-class--has-errors=\"state.fieldHasErrors\">\n\t\t\t\t<span class=\"contact-form__warning-icon\" aria-hidden=\"true\">\n\t\t\t\t\t<svg width=\"16\" height=\"16\" viewBox=\"0 0 16 16\" fill=\"none\" xmlns=\"http:\/\/www.w3.org\/2000\/svg\">\n\t\t\t\t\t\t<path d=\"M8.50015 11.6402H7.50015V10.6402H8.50015V11.6402Z\" \/>\n\t\t\t\t\t\t<path d=\"M7.50015 9.64018H8.50015V6.30684H7.50015V9.64018Z\" \/>\n\t\t\t\t\t\t<path fill-rule=\"evenodd\" clip-rule=\"evenodd\" d=\"M6.98331 3.0947C7.42933 2.30177 8.57096 2.30177 9.01698 3.09469L13.8771 11.7349C14.3145 12.5126 13.7525 13.4735 12.8602 13.4735H3.14004C2.24774 13.4735 1.68575 12.5126 2.12321 11.7349L6.98331 3.0947ZM8.14541 3.58496C8.08169 3.47168 7.9186 3.47168 7.85488 3.58496L2.99478 12.2251C2.93229 12.3362 3.01257 12.4735 3.14004 12.4735H12.8602C12.9877 12.4735 13.068 12.3362 13.0055 12.2251L8.14541 3.58496Z\" \/>\n\t\t\t\t\t<\/svg>\n\t\t\t\t<\/span>\n\t\t\t\t<span data-wp-text=\"state.errorMessage\" id=\"g132388-email-email-error-message\"><\/span>\n\t\t\t<\/div> \n\t<\/div>\n\n<div style=\"\"  data-wp-interactive=\"jetpack\/form\" data-wp-context='{\"fieldId\":\"g132388-ausujetdeceyacht\",\"fieldType\":\"text\",\"fieldLabel\":\"Au sujet de ce yacht : \",\"fieldValue\":\"\",\"fieldPlaceholder\":\"\",\"fieldIsRequired\":\"\",\"fieldErrorMessage\":\"\",\"fieldExtra\":[],\"formHash\":\"cb96f0767dda3724989bc60a61aea72286e835c2\"}'  class='grunion-field-text-wrap grunion-field-wrap'  data-wp-init='callbacks.initializeField' data-wp-on--jetpack-form-reset='callbacks.initializeField' >\n<label\n\t\t\t\tfor='g132388-ausujetdeceyacht' class=\"grunion-field-label text\" >Au sujet de ce yacht : <\/label>\n<input\n\t\t\t\t\ttype='text'\n\t\t\t\t\tname='g132388-ausujetdeceyacht'\n\t\t\t\t\tid='g132388-ausujetdeceyacht'\n\t\t\t\t\tvalue=''\n\n\t\t\t\t\tdata-wp-bind--aria-invalid='state.fieldAriaInvalid'\n\t\t\t\t\tdata-wp-bind--value='state.getFieldValue'\n\t\t\t\t\taria-describedby='g132388-ausujetdeceyacht-text-error-message'\n\t\t\t\t\tdata-wp-on--input='actions.onFieldChange'\n\t\t\t\t\tdata-wp-on--blur='actions.onFieldBlur'\n\t\t\t\t\tdata-wp-class--has-value='state.hasFieldValue'\n\n\t\t\t\t\tclass='text  grunion-field' \n\t\t\t\t\t \/>\n \n\t\t\t<div id=\"g132388-ausujetdeceyacht-text-error\" class=\"contact-form__input-error\" data-wp-class--has-errors=\"state.fieldHasErrors\">\n\t\t\t\t<span class=\"contact-form__warning-icon\" aria-hidden=\"true\">\n\t\t\t\t\t<svg width=\"16\" height=\"16\" viewBox=\"0 0 16 16\" fill=\"none\" xmlns=\"http:\/\/www.w3.org\/2000\/svg\">\n\t\t\t\t\t\t<path d=\"M8.50015 11.6402H7.50015V10.6402H8.50015V11.6402Z\" \/>\n\t\t\t\t\t\t<path d=\"M7.50015 9.64018H8.50015V6.30684H7.50015V9.64018Z\" \/>\n\t\t\t\t\t\t<path fill-rule=\"evenodd\" clip-rule=\"evenodd\" d=\"M6.98331 3.0947C7.42933 2.30177 8.57096 2.30177 9.01698 3.09469L13.8771 11.7349C14.3145 12.5126 13.7525 13.4735 12.8602 13.4735H3.14004C2.24774 13.4735 1.68575 12.5126 2.12321 11.7349L6.98331 3.0947ZM8.14541 3.58496C8.08169 3.47168 7.9186 3.47168 7.85488 3.58496L2.99478 12.2251C2.93229 12.3362 3.01257 12.4735 3.14004 12.4735H12.8602C12.9877 12.4735 13.068 12.3362 13.0055 12.2251L8.14541 3.58496Z\" \/>\n\t\t\t\t\t<\/svg>\n\t\t\t\t<\/span>\n\t\t\t\t<span data-wp-text=\"state.errorMessage\" id=\"g132388-ausujetdeceyacht-text-error-message\"><\/span>\n\t\t\t<\/div> \n\t<\/div>\n\n<div style=\"\"  data-wp-interactive=\"jetpack\/form\" data-wp-context='{\"fieldId\":\"g132388-message\",\"fieldType\":\"textarea\",\"fieldLabel\":\"Message\",\"fieldValue\":\"\",\"fieldPlaceholder\":\"\",\"fieldIsRequired\":\"\",\"fieldErrorMessage\":\"\",\"fieldExtra\":[],\"formHash\":\"cb96f0767dda3724989bc60a61aea72286e835c2\"}'  class='grunion-field-textarea-wrap grunion-field-wrap'  data-wp-init='callbacks.initializeField' data-wp-on--jetpack-form-reset='callbacks.initializeField' >\n<label\n\t\t\t\tfor='contact-form-comment-g132388-message' class=\"grunion-field-label textarea\" >Message<\/label>\n<textarea\n\t\t                style=''\n\t\t                name='g132388-message'\n\t\t                id='contact-form-comment-g132388-message'\n\t\t                rows='20'\n\t\t\t\t\t\tdata-wp-text='state.getFieldValue'\n\t\t\t\t\t\tdata-wp-on--input='actions.onFieldChange'\n\t\t\t\t\t\tdata-wp-on--blur='actions.onFieldBlur'\n\t\t\t\t\t\tdata-wp-class--has-value='state.hasFieldValue'\n\t\t\t\t\t\taria-describedby='g132388-message-textarea-error-message'\n\t\t\t\t\t\tdata-wp-bind--aria-invalid='state.fieldAriaInvalid'\n\t\t\t\t\t\tclass='textarea  grunion-field'  ><\/textarea>\n \n\t\t\t<div id=\"g132388-message-textarea-error\" class=\"contact-form__input-error\" data-wp-class--has-errors=\"state.fieldHasErrors\">\n\t\t\t\t<span class=\"contact-form__warning-icon\" aria-hidden=\"true\">\n\t\t\t\t\t<svg width=\"16\" height=\"16\" viewBox=\"0 0 16 16\" fill=\"none\" xmlns=\"http:\/\/www.w3.org\/2000\/svg\">\n\t\t\t\t\t\t<path d=\"M8.50015 11.6402H7.50015V10.6402H8.50015V11.6402Z\" \/>\n\t\t\t\t\t\t<path d=\"M7.50015 9.64018H8.50015V6.30684H7.50015V9.64018Z\" \/>\n\t\t\t\t\t\t<path fill-rule=\"evenodd\" clip-rule=\"evenodd\" d=\"M6.98331 3.0947C7.42933 2.30177 8.57096 2.30177 9.01698 3.09469L13.8771 11.7349C14.3145 12.5126 13.7525 13.4735 12.8602 13.4735H3.14004C2.24774 13.4735 1.68575 12.5126 2.12321 11.7349L6.98331 3.0947ZM8.14541 3.58496C8.08169 3.47168 7.9186 3.47168 7.85488 3.58496L2.99478 12.2251C2.93229 12.3362 3.01257 12.4735 3.14004 12.4735H12.8602C12.9877 12.4735 13.068 12.3362 13.0055 12.2251L8.14541 3.58496Z\" \/>\n\t\t\t\t\t<\/svg>\n\t\t\t\t<\/span>\n\t\t\t\t<span data-wp-text=\"state.errorMessage\" id=\"g132388-message-textarea-error-message\"><\/span>\n\t\t\t<\/div>\n\t<\/div>\n\t<p class='contact-submit'>\n<div class=\"contact-form__error\" data-wp-class--show-errors=\"state.showFormErrors\"><span class=\"contact-form__warning-icon\" aria-hidden=\"true\"><i><\/i><\/span><span class=\"contact-form__error-message\" tabindex=\"-1\" data-wp-watch=\"callbacks.focusOnValidationError\" data-wp-text=\"state.getFormErrorMessage\"><\/span><ul aria-label=\"Erreurs de formulaire\">\n\t\t\t\t<template data-wp-each=\"state.getErrorList\" data-wp-key=\"context.item.id\">\n\t\t\t\t\t<li><a data-wp-bind--href=\"context.item.anchor\" data-wp-on--click=\"actions.scrollIntoView\" data-wp-text=\"context.item.label\"><\/a><\/li>\n\t\t\t\t<\/template>\n\t\t\t\t<\/ul><\/div><div class=\"contact-form__error\" data-wp-class--show-errors=\"state.showSubmissionError\" data-wp-text=\"context.submissionError\" tabindex=\"-1\" data-wp-watch=\"callbacks.focusOnSubmissionError\"><\/div>\t\t<button type='submit' class='pushbutton-wide'>Envoyer<\/button>\t\t<input type='hidden' name='contact-form-id' value='132388' \/>\n\t\t<input type='hidden' name='action' value='grunion-contact-form' \/>\n\t\t<input type='hidden' name='contact-form-hash' value='cb96f0767dda3724989bc60a61aea72286e835c2' \/>\n\t<\/p>\n<p style=\"display: none !important;\" class=\"akismet-fields-container\" data-prefix=\"ak_\"><label>&#916;<textarea name=\"ak_hp_textarea\" cols=\"45\" rows=\"8\" maxlength=\"100\"><\/textarea><\/label><input type=\"hidden\" id=\"ak_js_1\" name=\"ak_js\" value=\"72\"\/><script type=\"text\/javascript\">\n\/* <![CDATA[ *\/\ndocument.getElementById( \"ak_js_1\" ).setAttribute( \"value\", ( new Date() ).getTime() );\n\/* ]]> *\/\n<\/script>\n<\/p><\/form>\n<\/div>\n<p>&nbsp;<\/p>\n<p>&nbsp;<\/p>\n<p>&nbsp;<\/p>\n","protected":false},"excerpt":{"rendered":"<p>OFF MARKET (retir\u00e9 de la vente) Azimut S7 2018 $2,100,000 usd \u00e0 vendre C&rsquo;est un yacht pr\u00eat \u00e0 l&#8217;emploi, parfait pour l&rsquo;acheteur exigeant. Seul yacht de son segment \u00e0 disposer de quatre cabines spacieuses, d&rsquo;une plateforme de plage extensible et d&rsquo;un garage, le S7 brille par sa combinaison de mat\u00e9riaux innovants et luxueux. La fibre &hellip; <a href=\"https:\/\/itayachtscanada.com\/fr\/listing\/azimut-s7-2018-2100000-usd-for-sale\/\" class=\"more-link\">Lire la suite <span class=\"screen-reader-text\">Azimut S7 2018 $2,100,000 usd \u00e0 vendre<\/span> <span class=\"meta-nav\">&rarr;<\/span><\/a><\/p>\n","protected":false},"author":119081455,"featured_media":132415,"parent":0,"menu_order":0,"comment_status":"open","ping_status":"open","template":"","format":"standard","meta":{"_coblocks_attr":"","_coblocks_dimensions":"","_coblocks_responsive_height":"","_coblocks_accordion_ie_support":"","_lmt_disableupdate":"no","_lmt_disable":"no","advanced_seo_description":"","jetpack_seo_html_title":"","jetpack_seo_noindex":false,"footnotes":""},"manufacturer":[6426],"prix":[6497],"years":[6381],"length_feet":[6589],"boat_type":[6468],"price_range":[6580],"localisations":[6867],"numyacht":[8921,9787,9948,10268],"datevente":[10106,10267,10392,10511,10626,10750,11080,11208,11312],"country":[10755],"states":[10770],"city":[10812],"fresh-water-boat":[10809],"broker":[11081],"migration":[10888],"class_list":["post-132388","listing","type-listing","status-publish","format-standard","has-post-thumbnail","hentry","manufacturer-azimut","prix-6497","years-6381","length_feet-between-70-and-79-feets","boat_type-sport-bridge","price_range-1500000-2999999","localisations-united-states-of-america","numyacht-8921","numyacht-9787","numyacht-9948","numyacht-10268","datevente-2025-01-24","datevente-2025-03-23","datevente-2025-05-18","datevente-2025-07-13","datevente-2025-09-08","datevente-2025-11-04","datevente-2026-01-01","datevente-2026-03-01","datevente-2026-04-25","country-united-states","states-floride","city-fort-lauderdale","fresh-water-boat-non","broker-romeo-united-yachts","migration-non"],"translation":{"provider":"WPGlobus","version":"2.12.2","language":"fr","enabled_languages":["en","fr"],"languages":{"en":{"title":true,"content":true,"excerpt":false},"fr":{"title":true,"content":true,"excerpt":false}}},"jetpack_likes_enabled":true,"jetpack_sharing_enabled":true,"_links":{"self":[{"href":"https:\/\/itayachtscanada.com\/fr\/wp-json\/wp\/v2\/listing\/132388","targetHints":{"allow":["GET"]}}],"collection":[{"href":"https:\/\/itayachtscanada.com\/fr\/wp-json\/wp\/v2\/listing"}],"about":[{"href":"https:\/\/itayachtscanada.com\/fr\/wp-json\/wp\/v2\/types\/listing"}],"author":[{"embeddable":true,"href":"https:\/\/itayachtscanada.com\/fr\/wp-json\/wp\/v2\/users\/119081455"}],"replies":[{"embeddable":true,"href":"https:\/\/itayachtscanada.com\/fr\/wp-json\/wp\/v2\/comments?post=132388"}],"version-history":[{"count":34,"href":"https:\/\/itayachtscanada.com\/fr\/wp-json\/wp\/v2\/listing\/132388\/revisions"}],"predecessor-version":[{"id":300026,"href":"https:\/\/itayachtscanada.com\/fr\/wp-json\/wp\/v2\/listing\/132388\/revisions\/300026"}],"wp:featuredmedia":[{"embeddable":true,"href":"https:\/\/itayachtscanada.com\/fr\/wp-json\/wp\/v2\/media\/132415"}],"wp:attachment":[{"href":"https:\/\/itayachtscanada.com\/fr\/wp-json\/wp\/v2\/media?parent=132388"}],"wp:term":[{"taxonomy":"manufacturer","embeddable":true,"href":"https:\/\/itayachtscanada.com\/fr\/wp-json\/wp\/v2\/manufacturer?post=132388"},{"taxonomy":"prix","embeddable":true,"href":"https:\/\/itayachtscanada.com\/fr\/wp-json\/wp\/v2\/prix?post=132388"},{"taxonomy":"years","embeddable":true,"href":"https:\/\/itayachtscanada.com\/fr\/wp-json\/wp\/v2\/years?post=132388"},{"taxonomy":"length_feet","embeddable":true,"href":"https:\/\/itayachtscanada.com\/fr\/wp-json\/wp\/v2\/length_feet?post=132388"},{"taxonomy":"boat_type","embeddable":true,"href":"https:\/\/itayachtscanada.com\/fr\/wp-json\/wp\/v2\/boat_type?post=132388"},{"taxonomy":"price_range","embeddable":true,"href":"https:\/\/itayachtscanada.com\/fr\/wp-json\/wp\/v2\/price_range?post=132388"},{"taxonomy":"localisations","embeddable":true,"href":"https:\/\/itayachtscanada.com\/fr\/wp-json\/wp\/v2\/localisations?post=132388"},{"taxonomy":"numyacht","embeddable":true,"href":"https:\/\/itayachtscanada.com\/fr\/wp-json\/wp\/v2\/numyacht?post=132388"},{"taxonomy":"datevente","embeddable":true,"href":"https:\/\/itayachtscanada.com\/fr\/wp-json\/wp\/v2\/datevente?post=132388"},{"taxonomy":"country","embeddable":true,"href":"https:\/\/itayachtscanada.com\/fr\/wp-json\/wp\/v2\/country?post=132388"},{"taxonomy":"states","embeddable":true,"href":"https:\/\/itayachtscanada.com\/fr\/wp-json\/wp\/v2\/states?post=132388"},{"taxonomy":"city","embeddable":true,"href":"https:\/\/itayachtscanada.com\/fr\/wp-json\/wp\/v2\/city?post=132388"},{"taxonomy":"fresh-water-boat","embeddable":true,"href":"https:\/\/itayachtscanada.com\/fr\/wp-json\/wp\/v2\/fresh-water-boat?post=132388"},{"taxonomy":"broker","embeddable":true,"href":"https:\/\/itayachtscanada.com\/fr\/wp-json\/wp\/v2\/broker?post=132388"},{"taxonomy":"migration","embeddable":true,"href":"https:\/\/itayachtscanada.com\/fr\/wp-json\/wp\/v2\/migration?post=132388"}],"curies":[{"name":"wp","href":"https:\/\/api.w.org\/{rel}","templated":true}]}}