{"id":129629,"date":"2023-08-19T11:27:32","date_gmt":"2023-08-19T15:27:32","guid":{"rendered":"https:\/\/itayachtscanada.com\/?post_type=listing&#038;p=129629"},"modified":"2026-04-28T10:01:33","modified_gmt":"2026-04-28T14:01:33","slug":"ferretti-850-flybridge-2019-6600000-usd-for-sale","status":"publish","type":"listing","link":"https:\/\/itayachtscanada.com\/fr\/listing\/ferretti-850-flybridge-2019-6600000-usd-for-sale\/","title":{"rendered":"Ferretti 850 Flybridge 2020 $5,680,000 usd \u00e0 vendre"},"content":{"rendered":"<p><strong>Ferretti 850 Flybridge 2020 $5,680,000 usd \u00e0 vendre<\/strong><\/p>\n<div class=\"content-box\">\n<div class=\"column-container cols-3\">\n<div class=\"column\">\n<div class=\"column-item\">\n<div>\n<div class=\"content-box\">\n<div class=\"column-container cols-3\">\n<div class=\"column\">\n<div class=\"column-item\">\n<div>\n<p>Luxe, puissance et style se conjuguent dans un mod\u00e8le aux lignes dynamiques et fluides qui s\u00e9duisent le regard. Tel un penthouse entour\u00e9 par la mer, ce magnifique flybridge offre des espaces lumineux et a\u00e9r\u00e9s, \u00e9l\u00e9gamment meubl\u00e9s avec un design raffin\u00e9. Avec des espaces ext\u00e9rieurs offrant tout le confort possible, l&rsquo;\u00e9quilibre entre l&rsquo;int\u00e9rieur et l&rsquo;ext\u00e9rieur est idyllique. Avec ses 26 m\u00e8tres de long et une longueur de coque inf\u00e9rieure \u00e0 24, le nouveau flybridge peut \u00eatre immatricul\u00e9 comme bateau de plaisance.<\/p>\n<p>L&rsquo;exclusivit\u00e9 r\u00e8gne sur les vagues. Fougueux et s\u00e9duisant, le Ferretti Yachts 850 s\u00e9duit d\u00e8s le premier regard avec son flair anguleux et ses lignes marquantes qui rayonnent de majest\u00e9 et de style. Les deux fen\u00eatres encastr\u00e9es avec hublots int\u00e9gr\u00e9s ont une v\u00e9ritable verve \u00e9pur\u00e9e, et leurs grandes dimensions laissent l&rsquo;int\u00e9rieur inond\u00e9 de lumi\u00e8re naturelle et de vues magnifiques.<\/p>\n<p>Le pont principal renforce le dynamisme de l&rsquo;ensemble : une seule surface vitr\u00e9e traverse toute la superstructure pour compl\u00e9ter le hard top avant et arri\u00e8re au-dessus du poste de pilotage sur\u00e9lev\u00e9. La porte du garage s&rsquo;ouvre gr\u00e2ce \u00e0 un m\u00e9canisme sp\u00e9cial pour r\u00e9v\u00e9ler une zone de plage qui s&rsquo;enfonce sous l&rsquo;eau comme une grande plate-forme immerg\u00e9e pour les invit\u00e9s (et un moyen pratique pour l&rsquo;\u00e9quipage de man\u0153uvrer l&rsquo;annexe). Des murs couverts, des fen\u00eatres allant du sol au plafond, des rideaux flottants et de nombreux meubles ind\u00e9pendants sont les cl\u00e9s d&rsquo;un concept \u00e0 la fois m\u00e9tropolitain et vivable, ultracontemporain et chaleureux, dans le plus pur style Ferretti Yachts.<\/p>\n<p>Ce yacht ne sera pas soumis \u00e0 la nouvelle taxe de luxe sur les yachts au Canada. De plus, les droits de douane de 9,5 % ont d\u00e9j\u00e0 \u00e9t\u00e9 acquitt\u00e9s.<br \/>\nIl est possible de faire transporter ce yacht de Vancouver \u00e0 la Floride sur un grand navire sp\u00e9cialis\u00e9 dans le transport de bateaux via le canal de Panama.<\/p>\n<p>Contactez-nous pour tous les d\u00e9tails ; les v\u00e9rifications de taxes sont \u00e0 confirmer selon le pavillon du bateau.<\/p>\n<h3>Ce Ferretti 850 Flybridge est situ\u00e9 \u00e0 Vancouver (Canada), veuillez nous contacter au 514-521-1221 pour tous les d\u00e9tails concernant ce Ferretti Yachts 850 flybridge (made in Italy), notre bureau est situ\u00e9 dans la grande r\u00e9gion de Montr\u00e9al.<\/h3>\n<p><a href=\"https:\/\/itayachtscanada.com\/fr\/virtuals_visits\/ferretti-850-flybridge\/\">Cliquez ici<\/a> pour une visite virtuelle du Ferretti 850 Fly.<\/p>\n<p>Dimensions<br \/>\nLongueur hors tout : 85 pi 3 po<br \/>\nLongueur \u00e0 la ligne de flottaison : 70 pi 9 po<br \/>\nLargeur : 20 pi 7 po<br \/>\nTirant d&rsquo;eau maximum : 6 pi 6 po<br \/>\nPoids<br \/>\nPoids \u00e0 sec : 148810 lb<br \/>\nVitesse de croisi\u00e8re<br \/>\nVitesse de croisi\u00e8re : 27 n\u0153uds \u00e0 tr\/min<br \/>\nVitesse de coque : 31 kn \u00e0 tr\/min<br \/>\nRayon d&rsquo;action : 320 nmi<br \/>\nPlaces assises<br \/>\nCapacit\u00e9 d&rsquo;accueil : 20<br \/>\nR\u00e9servoirs<br \/>\nCarburant : (1783 gal) GRP<br \/>\nEau douce : (349 gal) GRP<br \/>\nH\u00e9bergement<br \/>\nCabines : 4 + 2<br \/>\nSalles de bain : 5 + 2<\/p>\n<p>MOTEURS :<br \/>\n2019 MAN V12 (Moteur 1)<br \/>\nType de moteur : Inboard<br \/>\nType de carburant : Diesel<br \/>\nNombre d&rsquo;heures 100<br \/>\nPuissance : 1900 hp<\/p>\n<p>2019 MAN V12 (Moteur 2)<br \/>\nType de moteur : Inboard<br \/>\nType de carburant : Diesel<br \/>\nNombre d&rsquo;heures: 100<br \/>\nPuissance : 1900 hp<\/p>\n<\/div>\n<\/div>\n<\/div>\n<\/div>\n<\/div>\n<\/div>\n<\/div>\n<\/div>\n<\/div>\n<\/div>\n<div class=\"tiled-gallery type-rectangular tiled-gallery-unresized\" data-original-width=\"700\" data-carousel-extra='{&quot;blog_id&quot;:1,&quot;permalink&quot;:&quot;https:\\\/\\\/itayachtscanada.com\\\/fr\\\/listing\\\/ferretti-850-flybridge-2019-6600000-usd-for-sale\\\/&quot;,&quot;likes_blog_id&quot;:198557287}' itemscope itemtype=\"http:\/\/schema.org\/ImageGallery\" > <div class=\"gallery-row\" style=\"width: 700px; height: 325px;\" data-original-width=\"700\" data-original-height=\"325\" > <div class=\"gallery-group images-1\" style=\"width: 442px; height: 325px;\" data-original-width=\"442\" data-original-height=\"325\" > <div class=\"tiled-gallery-item tiled-gallery-item-large\" itemprop=\"associatedMedia\" itemscope itemtype=\"http:\/\/schema.org\/ImageObject\"> <a href=\"https:\/\/itayachtscanada.com\/fr\/listing\/ferretti-850-flybridge-2019-6600000-usd-for-sale\/capture-decran-le-2023-08-19-a-10-50-55\/\" border=\"0\" itemprop=\"url\"> <meta itemprop=\"width\" content=\"438\"> <meta itemprop=\"height\" content=\"321\"> <img decoding=\"async\" class=\"\" data-attachment-id=\"129634\" data-orig-file=\"https:\/\/itayachtscanada.com\/wp-content\/uploads\/2023\/08\/Capture-decran-le-2023-08-19-a-10.50.55.png\" data-orig-size=\"1154,846\" data-comments-opened=\"1\" data-image-meta=\"{&quot;aperture&quot;:&quot;0&quot;,&quot;credit&quot;:&quot;&quot;,&quot;camera&quot;:&quot;&quot;,&quot;caption&quot;:&quot;&quot;,&quot;created_timestamp&quot;:&quot;0&quot;,&quot;copyright&quot;:&quot;&quot;,&quot;focal_length&quot;:&quot;0&quot;,&quot;iso&quot;:&quot;0&quot;,&quot;shutter_speed&quot;:&quot;0&quot;,&quot;title&quot;:&quot;&quot;,&quot;orientation&quot;:&quot;0&quot;}\" data-image-title=\"Capture d\u2019\u00e9cran, le 2023-08-19 \u00e0 10.50.55\" data-image-description=\"\" data-medium-file=\"https:\/\/i0.wp.com\/itayachtscanada.com\/wp-content\/uploads\/2023\/08\/Capture-decran-le-2023-08-19-a-10.50.55.png?fit=300%2C220&#038;ssl=1\" data-large-file=\"https:\/\/i0.wp.com\/itayachtscanada.com\/wp-content\/uploads\/2023\/08\/Capture-decran-le-2023-08-19-a-10.50.55.png?fit=700%2C513&#038;ssl=1\" src=\"https:\/\/i0.wp.com\/itayachtscanada.com\/wp-content\/uploads\/2023\/08\/Capture-decran-le-2023-08-19-a-10.50.55.png?w=438&#038;h=321&#038;ssl=1\" srcset=\"https:\/\/i0.wp.com\/itayachtscanada.com\/wp-content\/uploads\/2023\/08\/Capture-decran-le-2023-08-19-a-10.50.55.png?w=1154&amp;ssl=1 1154w, https:\/\/i0.wp.com\/itayachtscanada.com\/wp-content\/uploads\/2023\/08\/Capture-decran-le-2023-08-19-a-10.50.55.png?resize=300%2C220&amp;ssl=1 300w, https:\/\/i0.wp.com\/itayachtscanada.com\/wp-content\/uploads\/2023\/08\/Capture-decran-le-2023-08-19-a-10.50.55.png?resize=1024%2C751&amp;ssl=1 1024w, https:\/\/i0.wp.com\/itayachtscanada.com\/wp-content\/uploads\/2023\/08\/Capture-decran-le-2023-08-19-a-10.50.55.png?resize=768%2C563&amp;ssl=1 768w, https:\/\/i0.wp.com\/itayachtscanada.com\/wp-content\/uploads\/2023\/08\/Capture-decran-le-2023-08-19-a-10.50.55.png?resize=700%2C513&amp;ssl=1 700w, https:\/\/i0.wp.com\/itayachtscanada.com\/wp-content\/uploads\/2023\/08\/Capture-decran-le-2023-08-19-a-10.50.55.png?resize=546%2C400&amp;ssl=1 546w\" width=\"438\" height=\"321\" loading=\"lazy\" data-original-width=\"438\" data-original-height=\"321\" itemprop=\"http:\/\/schema.org\/image\" title=\"Capture d\u2019\u00e9cran, le 2023-08-19 \u00e0 10.50.55\" alt=\"Ferretti 850 Vancouver\" style=\"width: 438px; height: 321px;\" \/> <\/a> <div class=\"tiled-gallery-caption\" itemprop=\"caption description\"> Ferretti 850 Vancouver <\/div> <\/div> <\/div> <!-- close group --> <div class=\"gallery-group images-2\" style=\"width: 258px; height: 325px;\" data-original-width=\"258\" data-original-height=\"325\" > <div class=\"tiled-gallery-item tiled-gallery-item-large\" itemprop=\"associatedMedia\" itemscope itemtype=\"http:\/\/schema.org\/ImageObject\"> <a href=\"https:\/\/itayachtscanada.com\/fr\/listing\/ferretti-850-flybridge-2019-6600000-usd-for-sale\/capture-decran-le-2023-08-19-a-11-08-33\/\" border=\"0\" itemprop=\"url\"> <meta itemprop=\"width\" content=\"254\"> <meta itemprop=\"height\" content=\"168\"> <img decoding=\"async\" class=\"\" data-attachment-id=\"129661\" data-orig-file=\"https:\/\/itayachtscanada.com\/wp-content\/uploads\/2023\/08\/Capture-decran-le-2023-08-19-a-11.08.33.png\" data-orig-size=\"1784,1174\" data-comments-opened=\"1\" data-image-meta=\"{&quot;aperture&quot;:&quot;0&quot;,&quot;credit&quot;:&quot;&quot;,&quot;camera&quot;:&quot;&quot;,&quot;caption&quot;:&quot;&quot;,&quot;created_timestamp&quot;:&quot;0&quot;,&quot;copyright&quot;:&quot;&quot;,&quot;focal_length&quot;:&quot;0&quot;,&quot;iso&quot;:&quot;0&quot;,&quot;shutter_speed&quot;:&quot;0&quot;,&quot;title&quot;:&quot;&quot;,&quot;orientation&quot;:&quot;0&quot;}\" data-image-title=\"Capture d\u2019\u00e9cran, le 2023-08-19 \u00e0 11.08.33\" data-image-description=\"\" data-medium-file=\"https:\/\/i0.wp.com\/itayachtscanada.com\/wp-content\/uploads\/2023\/08\/Capture-decran-le-2023-08-19-a-11.08.33.png?fit=300%2C197&#038;ssl=1\" data-large-file=\"https:\/\/i0.wp.com\/itayachtscanada.com\/wp-content\/uploads\/2023\/08\/Capture-decran-le-2023-08-19-a-11.08.33.png?fit=700%2C461&#038;ssl=1\" src=\"https:\/\/i0.wp.com\/itayachtscanada.com\/wp-content\/uploads\/2023\/08\/Capture-decran-le-2023-08-19-a-11.08.33.png?w=254&#038;h=168&#038;ssl=1\" srcset=\"https:\/\/i0.wp.com\/itayachtscanada.com\/wp-content\/uploads\/2023\/08\/Capture-decran-le-2023-08-19-a-11.08.33.png?w=1784&amp;ssl=1 1784w, https:\/\/i0.wp.com\/itayachtscanada.com\/wp-content\/uploads\/2023\/08\/Capture-decran-le-2023-08-19-a-11.08.33.png?resize=300%2C197&amp;ssl=1 300w, https:\/\/i0.wp.com\/itayachtscanada.com\/wp-content\/uploads\/2023\/08\/Capture-decran-le-2023-08-19-a-11.08.33.png?resize=1024%2C674&amp;ssl=1 1024w, https:\/\/i0.wp.com\/itayachtscanada.com\/wp-content\/uploads\/2023\/08\/Capture-decran-le-2023-08-19-a-11.08.33.png?resize=768%2C505&amp;ssl=1 768w, https:\/\/i0.wp.com\/itayachtscanada.com\/wp-content\/uploads\/2023\/08\/Capture-decran-le-2023-08-19-a-11.08.33.png?resize=1536%2C1011&amp;ssl=1 1536w, https:\/\/i0.wp.com\/itayachtscanada.com\/wp-content\/uploads\/2023\/08\/Capture-decran-le-2023-08-19-a-11.08.33.png?resize=1200%2C790&amp;ssl=1 1200w, https:\/\/i0.wp.com\/itayachtscanada.com\/wp-content\/uploads\/2023\/08\/Capture-decran-le-2023-08-19-a-11.08.33.png?resize=700%2C461&amp;ssl=1 700w, https:\/\/i0.wp.com\/itayachtscanada.com\/wp-content\/uploads\/2023\/08\/Capture-decran-le-2023-08-19-a-11.08.33.png?resize=900%2C600&amp;ssl=1 900w, https:\/\/i0.wp.com\/itayachtscanada.com\/wp-content\/uploads\/2023\/08\/Capture-decran-le-2023-08-19-a-11.08.33.png?resize=608%2C400&amp;ssl=1 608w, https:\/\/i0.wp.com\/itayachtscanada.com\/wp-content\/uploads\/2023\/08\/Capture-decran-le-2023-08-19-a-11.08.33.png?w=1400&amp;ssl=1 1400w\" width=\"254\" height=\"168\" loading=\"lazy\" data-original-width=\"254\" data-original-height=\"168\" itemprop=\"http:\/\/schema.org\/image\" title=\"Capture d\u2019\u00e9cran, le 2023-08-19 \u00e0 11.08.33\" alt=\"manufacturer picture\" style=\"width: 254px; height: 168px;\" \/> <\/a> <div class=\"tiled-gallery-caption\" itemprop=\"caption description\"> manufacturer picture <\/div> <\/div> <div class=\"tiled-gallery-item tiled-gallery-item-large\" itemprop=\"associatedMedia\" itemscope itemtype=\"http:\/\/schema.org\/ImageObject\"> <a href=\"https:\/\/itayachtscanada.com\/fr\/listing\/ferretti-850-flybridge-2019-6600000-usd-for-sale\/capture-decran-le-2023-08-19-a-11-08-05\/\" border=\"0\" itemprop=\"url\"> <meta itemprop=\"width\" content=\"254\"> <meta itemprop=\"height\" content=\"149\"> <img decoding=\"async\" class=\"\" data-attachment-id=\"129664\" data-orig-file=\"https:\/\/itayachtscanada.com\/wp-content\/uploads\/2023\/08\/Capture-decran-le-2023-08-19-a-11.08.05.png\" data-orig-size=\"1758,1032\" data-comments-opened=\"1\" data-image-meta=\"{&quot;aperture&quot;:&quot;0&quot;,&quot;credit&quot;:&quot;&quot;,&quot;camera&quot;:&quot;&quot;,&quot;caption&quot;:&quot;&quot;,&quot;created_timestamp&quot;:&quot;0&quot;,&quot;copyright&quot;:&quot;&quot;,&quot;focal_length&quot;:&quot;0&quot;,&quot;iso&quot;:&quot;0&quot;,&quot;shutter_speed&quot;:&quot;0&quot;,&quot;title&quot;:&quot;&quot;,&quot;orientation&quot;:&quot;0&quot;}\" data-image-title=\"Capture d\u2019\u00e9cran, le 2023-08-19 \u00e0 11.08.05\" data-image-description=\"\" data-medium-file=\"https:\/\/i0.wp.com\/itayachtscanada.com\/wp-content\/uploads\/2023\/08\/Capture-decran-le-2023-08-19-a-11.08.05.png?fit=300%2C176&#038;ssl=1\" data-large-file=\"https:\/\/i0.wp.com\/itayachtscanada.com\/wp-content\/uploads\/2023\/08\/Capture-decran-le-2023-08-19-a-11.08.05.png?fit=700%2C411&#038;ssl=1\" src=\"https:\/\/i0.wp.com\/itayachtscanada.com\/wp-content\/uploads\/2023\/08\/Capture-decran-le-2023-08-19-a-11.08.05.png?w=254&#038;h=149&#038;ssl=1\" srcset=\"https:\/\/i0.wp.com\/itayachtscanada.com\/wp-content\/uploads\/2023\/08\/Capture-decran-le-2023-08-19-a-11.08.05.png?w=1758&amp;ssl=1 1758w, https:\/\/i0.wp.com\/itayachtscanada.com\/wp-content\/uploads\/2023\/08\/Capture-decran-le-2023-08-19-a-11.08.05.png?resize=300%2C176&amp;ssl=1 300w, https:\/\/i0.wp.com\/itayachtscanada.com\/wp-content\/uploads\/2023\/08\/Capture-decran-le-2023-08-19-a-11.08.05.png?resize=1024%2C601&amp;ssl=1 1024w, https:\/\/i0.wp.com\/itayachtscanada.com\/wp-content\/uploads\/2023\/08\/Capture-decran-le-2023-08-19-a-11.08.05.png?resize=768%2C451&amp;ssl=1 768w, https:\/\/i0.wp.com\/itayachtscanada.com\/wp-content\/uploads\/2023\/08\/Capture-decran-le-2023-08-19-a-11.08.05.png?resize=1536%2C902&amp;ssl=1 1536w, https:\/\/i0.wp.com\/itayachtscanada.com\/wp-content\/uploads\/2023\/08\/Capture-decran-le-2023-08-19-a-11.08.05.png?resize=1200%2C704&amp;ssl=1 1200w, https:\/\/i0.wp.com\/itayachtscanada.com\/wp-content\/uploads\/2023\/08\/Capture-decran-le-2023-08-19-a-11.08.05.png?resize=700%2C411&amp;ssl=1 700w, https:\/\/i0.wp.com\/itayachtscanada.com\/wp-content\/uploads\/2023\/08\/Capture-decran-le-2023-08-19-a-11.08.05.png?resize=681%2C400&amp;ssl=1 681w, https:\/\/i0.wp.com\/itayachtscanada.com\/wp-content\/uploads\/2023\/08\/Capture-decran-le-2023-08-19-a-11.08.05.png?w=1400&amp;ssl=1 1400w\" width=\"254\" height=\"149\" loading=\"lazy\" data-original-width=\"254\" data-original-height=\"149\" itemprop=\"http:\/\/schema.org\/image\" title=\"Capture d\u2019\u00e9cran, le 2023-08-19 \u00e0 11.08.05\" alt=\"manufacturer picture\" style=\"width: 254px; height: 149px;\" \/> <\/a> <div class=\"tiled-gallery-caption\" itemprop=\"caption description\"> manufacturer picture <\/div> <\/div> <\/div> <!-- close group --> <\/div> <!-- close row --> <div class=\"gallery-row\" style=\"width: 700px; height: 344px;\" data-original-width=\"700\" data-original-height=\"344\" > <div class=\"gallery-group images-2\" style=\"width: 232px; height: 344px;\" data-original-width=\"232\" data-original-height=\"344\" > <div class=\"tiled-gallery-item tiled-gallery-item-small\" itemprop=\"associatedMedia\" itemscope itemtype=\"http:\/\/schema.org\/ImageObject\"> <a href=\"https:\/\/itayachtscanada.com\/fr\/listing\/ferretti-850-flybridge-2019-6600000-usd-for-sale\/capture-decran-le-2023-08-19-a-10-49-38\/\" border=\"0\" itemprop=\"url\"> <meta itemprop=\"width\" content=\"228\"> <meta itemprop=\"height\" content=\"169\"> <img decoding=\"async\" class=\"\" data-attachment-id=\"129654\" data-orig-file=\"https:\/\/itayachtscanada.com\/wp-content\/uploads\/2023\/08\/Capture-decran-le-2023-08-19-a-10.49.38.png\" data-orig-size=\"1144,846\" data-comments-opened=\"1\" data-image-meta=\"{&quot;aperture&quot;:&quot;0&quot;,&quot;credit&quot;:&quot;&quot;,&quot;camera&quot;:&quot;&quot;,&quot;caption&quot;:&quot;&quot;,&quot;created_timestamp&quot;:&quot;0&quot;,&quot;copyright&quot;:&quot;&quot;,&quot;focal_length&quot;:&quot;0&quot;,&quot;iso&quot;:&quot;0&quot;,&quot;shutter_speed&quot;:&quot;0&quot;,&quot;title&quot;:&quot;&quot;,&quot;orientation&quot;:&quot;0&quot;}\" data-image-title=\"Capture d\u2019\u00e9cran, le 2023-08-19 \u00e0 10.49.38\" data-image-description=\"\" data-medium-file=\"https:\/\/i0.wp.com\/itayachtscanada.com\/wp-content\/uploads\/2023\/08\/Capture-decran-le-2023-08-19-a-10.49.38.png?fit=300%2C222&#038;ssl=1\" data-large-file=\"https:\/\/i0.wp.com\/itayachtscanada.com\/wp-content\/uploads\/2023\/08\/Capture-decran-le-2023-08-19-a-10.49.38.png?fit=700%2C517&#038;ssl=1\" src=\"https:\/\/i0.wp.com\/itayachtscanada.com\/wp-content\/uploads\/2023\/08\/Capture-decran-le-2023-08-19-a-10.49.38.png?w=228&#038;h=169&#038;ssl=1\" srcset=\"https:\/\/i0.wp.com\/itayachtscanada.com\/wp-content\/uploads\/2023\/08\/Capture-decran-le-2023-08-19-a-10.49.38.png?w=1144&amp;ssl=1 1144w, https:\/\/i0.wp.com\/itayachtscanada.com\/wp-content\/uploads\/2023\/08\/Capture-decran-le-2023-08-19-a-10.49.38.png?resize=300%2C222&amp;ssl=1 300w, https:\/\/i0.wp.com\/itayachtscanada.com\/wp-content\/uploads\/2023\/08\/Capture-decran-le-2023-08-19-a-10.49.38.png?resize=1024%2C757&amp;ssl=1 1024w, https:\/\/i0.wp.com\/itayachtscanada.com\/wp-content\/uploads\/2023\/08\/Capture-decran-le-2023-08-19-a-10.49.38.png?resize=768%2C568&amp;ssl=1 768w, https:\/\/i0.wp.com\/itayachtscanada.com\/wp-content\/uploads\/2023\/08\/Capture-decran-le-2023-08-19-a-10.49.38.png?resize=700%2C518&amp;ssl=1 700w, https:\/\/i0.wp.com\/itayachtscanada.com\/wp-content\/uploads\/2023\/08\/Capture-decran-le-2023-08-19-a-10.49.38.png?resize=541%2C400&amp;ssl=1 541w\" width=\"228\" height=\"169\" loading=\"lazy\" data-original-width=\"228\" data-original-height=\"169\" itemprop=\"http:\/\/schema.org\/image\" title=\"Capture d\u2019\u00e9cran, le 2023-08-19 \u00e0 10.49.38\" alt=\"Ferretti 850 Vancouver\" style=\"width: 228px; height: 169px;\" \/> <\/a> <div class=\"tiled-gallery-caption\" itemprop=\"caption description\"> Ferretti 850 Vancouver <\/div> <\/div> <div class=\"tiled-gallery-item tiled-gallery-item-small\" itemprop=\"associatedMedia\" itemscope itemtype=\"http:\/\/schema.org\/ImageObject\"> <a href=\"https:\/\/itayachtscanada.com\/fr\/listing\/ferretti-850-flybridge-2019-6600000-usd-for-sale\/capture-decran-le-2023-08-19-a-10-50-35\/\" border=\"0\" itemprop=\"url\"> <meta itemprop=\"width\" content=\"228\"> <meta itemprop=\"height\" content=\"167\"> <img decoding=\"async\" class=\"\" data-attachment-id=\"129637\" data-orig-file=\"https:\/\/itayachtscanada.com\/wp-content\/uploads\/2023\/08\/Capture-decran-le-2023-08-19-a-10.50.35.png\" data-orig-size=\"1154,846\" data-comments-opened=\"1\" data-image-meta=\"{&quot;aperture&quot;:&quot;0&quot;,&quot;credit&quot;:&quot;&quot;,&quot;camera&quot;:&quot;&quot;,&quot;caption&quot;:&quot;&quot;,&quot;created_timestamp&quot;:&quot;0&quot;,&quot;copyright&quot;:&quot;&quot;,&quot;focal_length&quot;:&quot;0&quot;,&quot;iso&quot;:&quot;0&quot;,&quot;shutter_speed&quot;:&quot;0&quot;,&quot;title&quot;:&quot;&quot;,&quot;orientation&quot;:&quot;0&quot;}\" data-image-title=\"Capture d\u2019\u00e9cran, le 2023-08-19 \u00e0 10.50.35\" data-image-description=\"\" data-medium-file=\"https:\/\/i0.wp.com\/itayachtscanada.com\/wp-content\/uploads\/2023\/08\/Capture-decran-le-2023-08-19-a-10.50.35.png?fit=300%2C220&#038;ssl=1\" data-large-file=\"https:\/\/i0.wp.com\/itayachtscanada.com\/wp-content\/uploads\/2023\/08\/Capture-decran-le-2023-08-19-a-10.50.35.png?fit=700%2C513&#038;ssl=1\" src=\"https:\/\/i0.wp.com\/itayachtscanada.com\/wp-content\/uploads\/2023\/08\/Capture-decran-le-2023-08-19-a-10.50.35.png?w=228&#038;h=167&#038;ssl=1\" srcset=\"https:\/\/i0.wp.com\/itayachtscanada.com\/wp-content\/uploads\/2023\/08\/Capture-decran-le-2023-08-19-a-10.50.35.png?w=1154&amp;ssl=1 1154w, https:\/\/i0.wp.com\/itayachtscanada.com\/wp-content\/uploads\/2023\/08\/Capture-decran-le-2023-08-19-a-10.50.35.png?resize=300%2C220&amp;ssl=1 300w, https:\/\/i0.wp.com\/itayachtscanada.com\/wp-content\/uploads\/2023\/08\/Capture-decran-le-2023-08-19-a-10.50.35.png?resize=1024%2C751&amp;ssl=1 1024w, https:\/\/i0.wp.com\/itayachtscanada.com\/wp-content\/uploads\/2023\/08\/Capture-decran-le-2023-08-19-a-10.50.35.png?resize=768%2C563&amp;ssl=1 768w, https:\/\/i0.wp.com\/itayachtscanada.com\/wp-content\/uploads\/2023\/08\/Capture-decran-le-2023-08-19-a-10.50.35.png?resize=700%2C513&amp;ssl=1 700w, https:\/\/i0.wp.com\/itayachtscanada.com\/wp-content\/uploads\/2023\/08\/Capture-decran-le-2023-08-19-a-10.50.35.png?resize=546%2C400&amp;ssl=1 546w\" width=\"228\" height=\"167\" loading=\"lazy\" data-original-width=\"228\" data-original-height=\"167\" itemprop=\"http:\/\/schema.org\/image\" title=\"Capture d\u2019\u00e9cran, le 2023-08-19 \u00e0 10.50.35\" alt=\"Ferretti 850 Vancouver\" style=\"width: 228px; height: 167px;\" \/> <\/a> <div class=\"tiled-gallery-caption\" itemprop=\"caption description\"> Ferretti 850 Vancouver <\/div> <\/div> <\/div> <!-- close group --> <div class=\"gallery-group images-1\" style=\"width: 468px; height: 344px;\" data-original-width=\"468\" data-original-height=\"344\" > <div class=\"tiled-gallery-item tiled-gallery-item-large\" itemprop=\"associatedMedia\" itemscope itemtype=\"http:\/\/schema.org\/ImageObject\"> <a href=\"https:\/\/itayachtscanada.com\/fr\/listing\/ferretti-850-flybridge-2019-6600000-usd-for-sale\/capture-decran-le-2023-08-19-a-10-50-32\/\" border=\"0\" itemprop=\"url\"> <meta itemprop=\"width\" content=\"464\"> <meta itemprop=\"height\" content=\"340\"> <img decoding=\"async\" class=\"\" data-attachment-id=\"129638\" data-orig-file=\"https:\/\/itayachtscanada.com\/wp-content\/uploads\/2023\/08\/Capture-decran-le-2023-08-19-a-10.50.32.png\" data-orig-size=\"1154,846\" data-comments-opened=\"1\" data-image-meta=\"{&quot;aperture&quot;:&quot;0&quot;,&quot;credit&quot;:&quot;&quot;,&quot;camera&quot;:&quot;&quot;,&quot;caption&quot;:&quot;&quot;,&quot;created_timestamp&quot;:&quot;0&quot;,&quot;copyright&quot;:&quot;&quot;,&quot;focal_length&quot;:&quot;0&quot;,&quot;iso&quot;:&quot;0&quot;,&quot;shutter_speed&quot;:&quot;0&quot;,&quot;title&quot;:&quot;&quot;,&quot;orientation&quot;:&quot;0&quot;}\" data-image-title=\"Capture d\u2019\u00e9cran, le 2023-08-19 \u00e0 10.50.32\" data-image-description=\"\" data-medium-file=\"https:\/\/i0.wp.com\/itayachtscanada.com\/wp-content\/uploads\/2023\/08\/Capture-decran-le-2023-08-19-a-10.50.32.png?fit=300%2C220&#038;ssl=1\" data-large-file=\"https:\/\/i0.wp.com\/itayachtscanada.com\/wp-content\/uploads\/2023\/08\/Capture-decran-le-2023-08-19-a-10.50.32.png?fit=700%2C513&#038;ssl=1\" src=\"https:\/\/i0.wp.com\/itayachtscanada.com\/wp-content\/uploads\/2023\/08\/Capture-decran-le-2023-08-19-a-10.50.32.png?w=464&#038;h=340&#038;ssl=1\" srcset=\"https:\/\/i0.wp.com\/itayachtscanada.com\/wp-content\/uploads\/2023\/08\/Capture-decran-le-2023-08-19-a-10.50.32.png?w=1154&amp;ssl=1 1154w, https:\/\/i0.wp.com\/itayachtscanada.com\/wp-content\/uploads\/2023\/08\/Capture-decran-le-2023-08-19-a-10.50.32.png?resize=300%2C220&amp;ssl=1 300w, https:\/\/i0.wp.com\/itayachtscanada.com\/wp-content\/uploads\/2023\/08\/Capture-decran-le-2023-08-19-a-10.50.32.png?resize=1024%2C751&amp;ssl=1 1024w, https:\/\/i0.wp.com\/itayachtscanada.com\/wp-content\/uploads\/2023\/08\/Capture-decran-le-2023-08-19-a-10.50.32.png?resize=768%2C563&amp;ssl=1 768w, https:\/\/i0.wp.com\/itayachtscanada.com\/wp-content\/uploads\/2023\/08\/Capture-decran-le-2023-08-19-a-10.50.32.png?resize=700%2C513&amp;ssl=1 700w, https:\/\/i0.wp.com\/itayachtscanada.com\/wp-content\/uploads\/2023\/08\/Capture-decran-le-2023-08-19-a-10.50.32.png?resize=546%2C400&amp;ssl=1 546w\" width=\"464\" height=\"340\" loading=\"lazy\" data-original-width=\"464\" data-original-height=\"340\" itemprop=\"http:\/\/schema.org\/image\" title=\"Capture d\u2019\u00e9cran, le 2023-08-19 \u00e0 10.50.32\" alt=\"Ferretti 850 Vancouver\" style=\"width: 464px; height: 340px;\" \/> <\/a> <div class=\"tiled-gallery-caption\" itemprop=\"caption description\"> Ferretti 850 Vancouver <\/div> <\/div> <\/div> <!-- close group --> <\/div> <!-- close row --> <div class=\"gallery-row\" style=\"width: 700px; height: 230px;\" data-original-width=\"700\" data-original-height=\"230\" > <div class=\"gallery-group images-1\" style=\"width: 310px; height: 230px;\" data-original-width=\"310\" data-original-height=\"230\" > <div class=\"tiled-gallery-item tiled-gallery-item-large\" itemprop=\"associatedMedia\" itemscope itemtype=\"http:\/\/schema.org\/ImageObject\"> <a href=\"https:\/\/itayachtscanada.com\/fr\/listing\/ferretti-850-flybridge-2019-6600000-usd-for-sale\/capture-decran-le-2023-08-19-a-10-49-43\/\" border=\"0\" itemprop=\"url\"> <meta itemprop=\"width\" content=\"306\"> <meta itemprop=\"height\" content=\"226\"> <img decoding=\"async\" class=\"\" data-attachment-id=\"129655\" data-orig-file=\"https:\/\/itayachtscanada.com\/wp-content\/uploads\/2023\/08\/Capture-decran-le-2023-08-19-a-10.49.43.png\" data-orig-size=\"1144,846\" data-comments-opened=\"1\" data-image-meta=\"{&quot;aperture&quot;:&quot;0&quot;,&quot;credit&quot;:&quot;&quot;,&quot;camera&quot;:&quot;&quot;,&quot;caption&quot;:&quot;&quot;,&quot;created_timestamp&quot;:&quot;0&quot;,&quot;copyright&quot;:&quot;&quot;,&quot;focal_length&quot;:&quot;0&quot;,&quot;iso&quot;:&quot;0&quot;,&quot;shutter_speed&quot;:&quot;0&quot;,&quot;title&quot;:&quot;&quot;,&quot;orientation&quot;:&quot;0&quot;}\" data-image-title=\"Capture d\u2019\u00e9cran, le 2023-08-19 \u00e0 10.49.43\" data-image-description=\"\" data-medium-file=\"https:\/\/i0.wp.com\/itayachtscanada.com\/wp-content\/uploads\/2023\/08\/Capture-decran-le-2023-08-19-a-10.49.43.png?fit=300%2C222&#038;ssl=1\" data-large-file=\"https:\/\/i0.wp.com\/itayachtscanada.com\/wp-content\/uploads\/2023\/08\/Capture-decran-le-2023-08-19-a-10.49.43.png?fit=700%2C517&#038;ssl=1\" src=\"https:\/\/i0.wp.com\/itayachtscanada.com\/wp-content\/uploads\/2023\/08\/Capture-decran-le-2023-08-19-a-10.49.43.png?w=306&#038;h=226&#038;ssl=1\" srcset=\"https:\/\/i0.wp.com\/itayachtscanada.com\/wp-content\/uploads\/2023\/08\/Capture-decran-le-2023-08-19-a-10.49.43.png?w=1144&amp;ssl=1 1144w, https:\/\/i0.wp.com\/itayachtscanada.com\/wp-content\/uploads\/2023\/08\/Capture-decran-le-2023-08-19-a-10.49.43.png?resize=300%2C222&amp;ssl=1 300w, https:\/\/i0.wp.com\/itayachtscanada.com\/wp-content\/uploads\/2023\/08\/Capture-decran-le-2023-08-19-a-10.49.43.png?resize=1024%2C757&amp;ssl=1 1024w, https:\/\/i0.wp.com\/itayachtscanada.com\/wp-content\/uploads\/2023\/08\/Capture-decran-le-2023-08-19-a-10.49.43.png?resize=768%2C568&amp;ssl=1 768w, https:\/\/i0.wp.com\/itayachtscanada.com\/wp-content\/uploads\/2023\/08\/Capture-decran-le-2023-08-19-a-10.49.43.png?resize=700%2C518&amp;ssl=1 700w, https:\/\/i0.wp.com\/itayachtscanada.com\/wp-content\/uploads\/2023\/08\/Capture-decran-le-2023-08-19-a-10.49.43.png?resize=541%2C400&amp;ssl=1 541w\" width=\"306\" height=\"226\" loading=\"lazy\" data-original-width=\"306\" data-original-height=\"226\" itemprop=\"http:\/\/schema.org\/image\" title=\"Capture d\u2019\u00e9cran, le 2023-08-19 \u00e0 10.49.43\" alt=\"Ferretti 850 Vancouver\" style=\"width: 306px; height: 226px;\" \/> <\/a> <div class=\"tiled-gallery-caption\" itemprop=\"caption description\"> Ferretti 850 Vancouver <\/div> <\/div> <\/div> <!-- close group --> <div class=\"gallery-group images-1\" style=\"width: 390px; height: 230px;\" data-original-width=\"390\" data-original-height=\"230\" > <div class=\"tiled-gallery-item tiled-gallery-item-large\" itemprop=\"associatedMedia\" itemscope itemtype=\"http:\/\/schema.org\/ImageObject\"> <a href=\"https:\/\/itayachtscanada.com\/fr\/listing\/ferretti-850-flybridge-2019-6600000-usd-for-sale\/capture-decran-le-2023-08-19-a-11-08-11\/\" border=\"0\" itemprop=\"url\"> <meta itemprop=\"width\" content=\"386\"> <meta itemprop=\"height\" content=\"226\"> <img decoding=\"async\" class=\"\" data-attachment-id=\"129663\" data-orig-file=\"https:\/\/itayachtscanada.com\/wp-content\/uploads\/2023\/08\/Capture-decran-le-2023-08-19-a-11.08.11.png\" data-orig-size=\"1758,1032\" data-comments-opened=\"1\" data-image-meta=\"{&quot;aperture&quot;:&quot;0&quot;,&quot;credit&quot;:&quot;&quot;,&quot;camera&quot;:&quot;&quot;,&quot;caption&quot;:&quot;&quot;,&quot;created_timestamp&quot;:&quot;0&quot;,&quot;copyright&quot;:&quot;&quot;,&quot;focal_length&quot;:&quot;0&quot;,&quot;iso&quot;:&quot;0&quot;,&quot;shutter_speed&quot;:&quot;0&quot;,&quot;title&quot;:&quot;&quot;,&quot;orientation&quot;:&quot;0&quot;}\" data-image-title=\"Capture d\u2019\u00e9cran, le 2023-08-19 \u00e0 11.08.11\" data-image-description=\"\" data-medium-file=\"https:\/\/i0.wp.com\/itayachtscanada.com\/wp-content\/uploads\/2023\/08\/Capture-decran-le-2023-08-19-a-11.08.11.png?fit=300%2C176&#038;ssl=1\" data-large-file=\"https:\/\/i0.wp.com\/itayachtscanada.com\/wp-content\/uploads\/2023\/08\/Capture-decran-le-2023-08-19-a-11.08.11.png?fit=700%2C411&#038;ssl=1\" src=\"https:\/\/i0.wp.com\/itayachtscanada.com\/wp-content\/uploads\/2023\/08\/Capture-decran-le-2023-08-19-a-11.08.11.png?w=386&#038;h=226&#038;ssl=1\" srcset=\"https:\/\/i0.wp.com\/itayachtscanada.com\/wp-content\/uploads\/2023\/08\/Capture-decran-le-2023-08-19-a-11.08.11.png?w=1758&amp;ssl=1 1758w, https:\/\/i0.wp.com\/itayachtscanada.com\/wp-content\/uploads\/2023\/08\/Capture-decran-le-2023-08-19-a-11.08.11.png?resize=300%2C176&amp;ssl=1 300w, https:\/\/i0.wp.com\/itayachtscanada.com\/wp-content\/uploads\/2023\/08\/Capture-decran-le-2023-08-19-a-11.08.11.png?resize=1024%2C601&amp;ssl=1 1024w, https:\/\/i0.wp.com\/itayachtscanada.com\/wp-content\/uploads\/2023\/08\/Capture-decran-le-2023-08-19-a-11.08.11.png?resize=768%2C451&amp;ssl=1 768w, https:\/\/i0.wp.com\/itayachtscanada.com\/wp-content\/uploads\/2023\/08\/Capture-decran-le-2023-08-19-a-11.08.11.png?resize=1536%2C902&amp;ssl=1 1536w, https:\/\/i0.wp.com\/itayachtscanada.com\/wp-content\/uploads\/2023\/08\/Capture-decran-le-2023-08-19-a-11.08.11.png?resize=1200%2C704&amp;ssl=1 1200w, https:\/\/i0.wp.com\/itayachtscanada.com\/wp-content\/uploads\/2023\/08\/Capture-decran-le-2023-08-19-a-11.08.11.png?resize=700%2C411&amp;ssl=1 700w, https:\/\/i0.wp.com\/itayachtscanada.com\/wp-content\/uploads\/2023\/08\/Capture-decran-le-2023-08-19-a-11.08.11.png?resize=681%2C400&amp;ssl=1 681w, https:\/\/i0.wp.com\/itayachtscanada.com\/wp-content\/uploads\/2023\/08\/Capture-decran-le-2023-08-19-a-11.08.11.png?w=1400&amp;ssl=1 1400w\" width=\"386\" height=\"226\" loading=\"lazy\" data-original-width=\"386\" data-original-height=\"226\" itemprop=\"http:\/\/schema.org\/image\" title=\"Capture d\u2019\u00e9cran, le 2023-08-19 \u00e0 11.08.11\" alt=\"manufacturer picture\" style=\"width: 386px; height: 226px;\" \/> <\/a> <div class=\"tiled-gallery-caption\" itemprop=\"caption description\"> manufacturer picture <\/div> <\/div> <\/div> <!-- close group --> <\/div> <!-- close row --> <div class=\"gallery-row\" style=\"width: 700px; height: 568px;\" data-original-width=\"700\" data-original-height=\"568\" > <div class=\"gallery-group images-3\" style=\"width: 264px; height: 568px;\" data-original-width=\"264\" data-original-height=\"568\" > <div class=\"tiled-gallery-item tiled-gallery-item-large\" itemprop=\"associatedMedia\" itemscope itemtype=\"http:\/\/schema.org\/ImageObject\"> <a href=\"https:\/\/itayachtscanada.com\/fr\/listing\/ferretti-850-flybridge-2019-6600000-usd-for-sale\/capture-decran-le-2023-08-19-a-11-08-25\/\" border=\"0\" itemprop=\"url\"> <meta itemprop=\"width\" content=\"260\"> <meta itemprop=\"height\" content=\"171\"> <img decoding=\"async\" class=\"\" data-attachment-id=\"129662\" data-orig-file=\"https:\/\/itayachtscanada.com\/wp-content\/uploads\/2023\/08\/Capture-decran-le-2023-08-19-a-11.08.25.png\" data-orig-size=\"1784,1174\" data-comments-opened=\"1\" data-image-meta=\"{&quot;aperture&quot;:&quot;0&quot;,&quot;credit&quot;:&quot;&quot;,&quot;camera&quot;:&quot;&quot;,&quot;caption&quot;:&quot;&quot;,&quot;created_timestamp&quot;:&quot;0&quot;,&quot;copyright&quot;:&quot;&quot;,&quot;focal_length&quot;:&quot;0&quot;,&quot;iso&quot;:&quot;0&quot;,&quot;shutter_speed&quot;:&quot;0&quot;,&quot;title&quot;:&quot;&quot;,&quot;orientation&quot;:&quot;0&quot;}\" data-image-title=\"Capture d\u2019\u00e9cran, le 2023-08-19 \u00e0 11.08.25\" data-image-description=\"\" data-medium-file=\"https:\/\/i0.wp.com\/itayachtscanada.com\/wp-content\/uploads\/2023\/08\/Capture-decran-le-2023-08-19-a-11.08.25.png?fit=300%2C197&#038;ssl=1\" data-large-file=\"https:\/\/i0.wp.com\/itayachtscanada.com\/wp-content\/uploads\/2023\/08\/Capture-decran-le-2023-08-19-a-11.08.25.png?fit=700%2C461&#038;ssl=1\" src=\"https:\/\/i0.wp.com\/itayachtscanada.com\/wp-content\/uploads\/2023\/08\/Capture-decran-le-2023-08-19-a-11.08.25.png?w=260&#038;h=171&#038;ssl=1\" srcset=\"https:\/\/i0.wp.com\/itayachtscanada.com\/wp-content\/uploads\/2023\/08\/Capture-decran-le-2023-08-19-a-11.08.25.png?w=1784&amp;ssl=1 1784w, https:\/\/i0.wp.com\/itayachtscanada.com\/wp-content\/uploads\/2023\/08\/Capture-decran-le-2023-08-19-a-11.08.25.png?resize=300%2C197&amp;ssl=1 300w, https:\/\/i0.wp.com\/itayachtscanada.com\/wp-content\/uploads\/2023\/08\/Capture-decran-le-2023-08-19-a-11.08.25.png?resize=1024%2C674&amp;ssl=1 1024w, https:\/\/i0.wp.com\/itayachtscanada.com\/wp-content\/uploads\/2023\/08\/Capture-decran-le-2023-08-19-a-11.08.25.png?resize=768%2C505&amp;ssl=1 768w, https:\/\/i0.wp.com\/itayachtscanada.com\/wp-content\/uploads\/2023\/08\/Capture-decran-le-2023-08-19-a-11.08.25.png?resize=1536%2C1011&amp;ssl=1 1536w, https:\/\/i0.wp.com\/itayachtscanada.com\/wp-content\/uploads\/2023\/08\/Capture-decran-le-2023-08-19-a-11.08.25.png?resize=1200%2C790&amp;ssl=1 1200w, https:\/\/i0.wp.com\/itayachtscanada.com\/wp-content\/uploads\/2023\/08\/Capture-decran-le-2023-08-19-a-11.08.25.png?resize=700%2C461&amp;ssl=1 700w, https:\/\/i0.wp.com\/itayachtscanada.com\/wp-content\/uploads\/2023\/08\/Capture-decran-le-2023-08-19-a-11.08.25.png?resize=608%2C400&amp;ssl=1 608w, https:\/\/i0.wp.com\/itayachtscanada.com\/wp-content\/uploads\/2023\/08\/Capture-decran-le-2023-08-19-a-11.08.25.png?w=1400&amp;ssl=1 1400w\" width=\"260\" height=\"171\" loading=\"lazy\" data-original-width=\"260\" data-original-height=\"171\" itemprop=\"http:\/\/schema.org\/image\" title=\"Capture d\u2019\u00e9cran, le 2023-08-19 \u00e0 11.08.25\" alt=\"manufacturer picture\" style=\"width: 260px; height: 171px;\" \/> <\/a> <div class=\"tiled-gallery-caption\" itemprop=\"caption description\"> manufacturer picture <\/div> <\/div> <div class=\"tiled-gallery-item tiled-gallery-item-large\" itemprop=\"associatedMedia\" itemscope itemtype=\"http:\/\/schema.org\/ImageObject\"> <a href=\"https:\/\/itayachtscanada.com\/fr\/listing\/ferretti-850-flybridge-2019-6600000-usd-for-sale\/capture-decran-le-2023-08-19-a-10-49-31\/\" border=\"0\" itemprop=\"url\"> <meta itemprop=\"width\" content=\"260\"> <meta itemprop=\"height\" content=\"193\"> <img decoding=\"async\" class=\"\" data-attachment-id=\"129653\" data-orig-file=\"https:\/\/itayachtscanada.com\/wp-content\/uploads\/2023\/08\/Capture-decran-le-2023-08-19-a-10.49.31.png\" data-orig-size=\"1144,846\" data-comments-opened=\"1\" data-image-meta=\"{&quot;aperture&quot;:&quot;0&quot;,&quot;credit&quot;:&quot;&quot;,&quot;camera&quot;:&quot;&quot;,&quot;caption&quot;:&quot;&quot;,&quot;created_timestamp&quot;:&quot;0&quot;,&quot;copyright&quot;:&quot;&quot;,&quot;focal_length&quot;:&quot;0&quot;,&quot;iso&quot;:&quot;0&quot;,&quot;shutter_speed&quot;:&quot;0&quot;,&quot;title&quot;:&quot;&quot;,&quot;orientation&quot;:&quot;0&quot;}\" data-image-title=\"Capture d\u2019\u00e9cran, le 2023-08-19 \u00e0 10.49.31\" data-image-description=\"\" data-medium-file=\"https:\/\/i0.wp.com\/itayachtscanada.com\/wp-content\/uploads\/2023\/08\/Capture-decran-le-2023-08-19-a-10.49.31.png?fit=300%2C222&#038;ssl=1\" data-large-file=\"https:\/\/i0.wp.com\/itayachtscanada.com\/wp-content\/uploads\/2023\/08\/Capture-decran-le-2023-08-19-a-10.49.31.png?fit=700%2C517&#038;ssl=1\" src=\"https:\/\/i0.wp.com\/itayachtscanada.com\/wp-content\/uploads\/2023\/08\/Capture-decran-le-2023-08-19-a-10.49.31.png?w=260&#038;h=193&#038;ssl=1\" srcset=\"https:\/\/i0.wp.com\/itayachtscanada.com\/wp-content\/uploads\/2023\/08\/Capture-decran-le-2023-08-19-a-10.49.31.png?w=1144&amp;ssl=1 1144w, https:\/\/i0.wp.com\/itayachtscanada.com\/wp-content\/uploads\/2023\/08\/Capture-decran-le-2023-08-19-a-10.49.31.png?resize=300%2C222&amp;ssl=1 300w, https:\/\/i0.wp.com\/itayachtscanada.com\/wp-content\/uploads\/2023\/08\/Capture-decran-le-2023-08-19-a-10.49.31.png?resize=1024%2C757&amp;ssl=1 1024w, https:\/\/i0.wp.com\/itayachtscanada.com\/wp-content\/uploads\/2023\/08\/Capture-decran-le-2023-08-19-a-10.49.31.png?resize=768%2C568&amp;ssl=1 768w, https:\/\/i0.wp.com\/itayachtscanada.com\/wp-content\/uploads\/2023\/08\/Capture-decran-le-2023-08-19-a-10.49.31.png?resize=700%2C518&amp;ssl=1 700w, https:\/\/i0.wp.com\/itayachtscanada.com\/wp-content\/uploads\/2023\/08\/Capture-decran-le-2023-08-19-a-10.49.31.png?resize=541%2C400&amp;ssl=1 541w\" width=\"260\" height=\"193\" loading=\"lazy\" data-original-width=\"260\" data-original-height=\"193\" itemprop=\"http:\/\/schema.org\/image\" title=\"Capture d\u2019\u00e9cran, le 2023-08-19 \u00e0 10.49.31\" alt=\"Ferretti 850 Vancouver\" style=\"width: 260px; height: 193px;\" \/> <\/a> <div class=\"tiled-gallery-caption\" itemprop=\"caption description\"> Ferretti 850 Vancouver <\/div> <\/div> <div class=\"tiled-gallery-item tiled-gallery-item-large\" itemprop=\"associatedMedia\" itemscope itemtype=\"http:\/\/schema.org\/ImageObject\"> <a href=\"https:\/\/itayachtscanada.com\/fr\/listing\/ferretti-850-flybridge-2019-6600000-usd-for-sale\/capture-decran-le-2023-08-19-a-10-49-27\/\" border=\"0\" itemprop=\"url\"> <meta itemprop=\"width\" content=\"260\"> <meta itemprop=\"height\" content=\"192\"> <img decoding=\"async\" class=\"\" data-attachment-id=\"129652\" data-orig-file=\"https:\/\/itayachtscanada.com\/wp-content\/uploads\/2023\/08\/Capture-decran-le-2023-08-19-a-10.49.27.png\" data-orig-size=\"1144,846\" data-comments-opened=\"1\" data-image-meta=\"{&quot;aperture&quot;:&quot;0&quot;,&quot;credit&quot;:&quot;&quot;,&quot;camera&quot;:&quot;&quot;,&quot;caption&quot;:&quot;&quot;,&quot;created_timestamp&quot;:&quot;0&quot;,&quot;copyright&quot;:&quot;&quot;,&quot;focal_length&quot;:&quot;0&quot;,&quot;iso&quot;:&quot;0&quot;,&quot;shutter_speed&quot;:&quot;0&quot;,&quot;title&quot;:&quot;&quot;,&quot;orientation&quot;:&quot;0&quot;}\" data-image-title=\"Capture d\u2019\u00e9cran, le 2023-08-19 \u00e0 10.49.27\" data-image-description=\"\" data-medium-file=\"https:\/\/i0.wp.com\/itayachtscanada.com\/wp-content\/uploads\/2023\/08\/Capture-decran-le-2023-08-19-a-10.49.27.png?fit=300%2C222&#038;ssl=1\" data-large-file=\"https:\/\/i0.wp.com\/itayachtscanada.com\/wp-content\/uploads\/2023\/08\/Capture-decran-le-2023-08-19-a-10.49.27.png?fit=700%2C517&#038;ssl=1\" src=\"https:\/\/i0.wp.com\/itayachtscanada.com\/wp-content\/uploads\/2023\/08\/Capture-decran-le-2023-08-19-a-10.49.27.png?w=260&#038;h=192&#038;ssl=1\" srcset=\"https:\/\/i0.wp.com\/itayachtscanada.com\/wp-content\/uploads\/2023\/08\/Capture-decran-le-2023-08-19-a-10.49.27.png?w=1144&amp;ssl=1 1144w, https:\/\/i0.wp.com\/itayachtscanada.com\/wp-content\/uploads\/2023\/08\/Capture-decran-le-2023-08-19-a-10.49.27.png?resize=300%2C222&amp;ssl=1 300w, https:\/\/i0.wp.com\/itayachtscanada.com\/wp-content\/uploads\/2023\/08\/Capture-decran-le-2023-08-19-a-10.49.27.png?resize=1024%2C757&amp;ssl=1 1024w, https:\/\/i0.wp.com\/itayachtscanada.com\/wp-content\/uploads\/2023\/08\/Capture-decran-le-2023-08-19-a-10.49.27.png?resize=768%2C568&amp;ssl=1 768w, https:\/\/i0.wp.com\/itayachtscanada.com\/wp-content\/uploads\/2023\/08\/Capture-decran-le-2023-08-19-a-10.49.27.png?resize=700%2C518&amp;ssl=1 700w, https:\/\/i0.wp.com\/itayachtscanada.com\/wp-content\/uploads\/2023\/08\/Capture-decran-le-2023-08-19-a-10.49.27.png?resize=541%2C400&amp;ssl=1 541w\" width=\"260\" height=\"192\" loading=\"lazy\" data-original-width=\"260\" data-original-height=\"192\" itemprop=\"http:\/\/schema.org\/image\" title=\"Capture d\u2019\u00e9cran, le 2023-08-19 \u00e0 10.49.27\" alt=\"Ferretti 850 Vancouver\" style=\"width: 260px; height: 192px;\" \/> <\/a> <div class=\"tiled-gallery-caption\" itemprop=\"caption description\"> Ferretti 850 Vancouver <\/div> <\/div> <\/div> <!-- close group --> <div class=\"gallery-group images-1\" style=\"width: 436px; height: 568px;\" data-original-width=\"436\" data-original-height=\"568\" > <div class=\"tiled-gallery-item tiled-gallery-item-large\" itemprop=\"associatedMedia\" itemscope itemtype=\"http:\/\/schema.org\/ImageObject\"> <a href=\"https:\/\/itayachtscanada.com\/fr\/listing\/ferretti-850-flybridge-2019-6600000-usd-for-sale\/capture-decran-le-2023-08-19-a-10-50-15\/\" border=\"0\" itemprop=\"url\"> <meta itemprop=\"width\" content=\"432\"> <meta itemprop=\"height\" content=\"564\"> <img decoding=\"async\" class=\"\" data-attachment-id=\"129641\" data-orig-file=\"https:\/\/itayachtscanada.com\/wp-content\/uploads\/2023\/08\/Capture-decran-le-2023-08-19-a-10.50.15.png\" data-orig-size=\"648,846\" data-comments-opened=\"1\" data-image-meta=\"{&quot;aperture&quot;:&quot;0&quot;,&quot;credit&quot;:&quot;&quot;,&quot;camera&quot;:&quot;&quot;,&quot;caption&quot;:&quot;&quot;,&quot;created_timestamp&quot;:&quot;0&quot;,&quot;copyright&quot;:&quot;&quot;,&quot;focal_length&quot;:&quot;0&quot;,&quot;iso&quot;:&quot;0&quot;,&quot;shutter_speed&quot;:&quot;0&quot;,&quot;title&quot;:&quot;&quot;,&quot;orientation&quot;:&quot;0&quot;}\" data-image-title=\"Capture d\u2019\u00e9cran, le 2023-08-19 \u00e0 10.50.15\" data-image-description=\"\" data-medium-file=\"https:\/\/i0.wp.com\/itayachtscanada.com\/wp-content\/uploads\/2023\/08\/Capture-decran-le-2023-08-19-a-10.50.15.png?fit=230%2C300&#038;ssl=1\" data-large-file=\"https:\/\/i0.wp.com\/itayachtscanada.com\/wp-content\/uploads\/2023\/08\/Capture-decran-le-2023-08-19-a-10.50.15.png?fit=648%2C846&#038;ssl=1\" src=\"https:\/\/i0.wp.com\/itayachtscanada.com\/wp-content\/uploads\/2023\/08\/Capture-decran-le-2023-08-19-a-10.50.15.png?w=432&#038;h=564&#038;ssl=1\" srcset=\"https:\/\/i0.wp.com\/itayachtscanada.com\/wp-content\/uploads\/2023\/08\/Capture-decran-le-2023-08-19-a-10.50.15.png?w=648&amp;ssl=1 648w, https:\/\/i0.wp.com\/itayachtscanada.com\/wp-content\/uploads\/2023\/08\/Capture-decran-le-2023-08-19-a-10.50.15.png?resize=230%2C300&amp;ssl=1 230w, https:\/\/i0.wp.com\/itayachtscanada.com\/wp-content\/uploads\/2023\/08\/Capture-decran-le-2023-08-19-a-10.50.15.png?resize=306%2C400&amp;ssl=1 306w\" width=\"432\" height=\"564\" loading=\"lazy\" data-original-width=\"432\" data-original-height=\"564\" itemprop=\"http:\/\/schema.org\/image\" title=\"Capture d\u2019\u00e9cran, le 2023-08-19 \u00e0 10.50.15\" alt=\"Ferretti 850 Vancouver\" style=\"width: 432px; height: 564px;\" \/> <\/a> <div class=\"tiled-gallery-caption\" itemprop=\"caption description\"> Ferretti 850 Vancouver <\/div> <\/div> <\/div> <!-- close group --> <\/div> <!-- close row --> <div class=\"gallery-row\" style=\"width: 700px; height: 201px;\" data-original-width=\"700\" data-original-height=\"201\" > <div class=\"gallery-group images-1\" style=\"width: 273px; height: 201px;\" data-original-width=\"273\" data-original-height=\"201\" > <div class=\"tiled-gallery-item tiled-gallery-item-large\" itemprop=\"associatedMedia\" itemscope itemtype=\"http:\/\/schema.org\/ImageObject\"> <a href=\"https:\/\/itayachtscanada.com\/fr\/listing\/ferretti-850-flybridge-2019-6600000-usd-for-sale\/capture-decran-le-2023-08-19-a-10-50-43\/\" border=\"0\" itemprop=\"url\"> <meta itemprop=\"width\" content=\"269\"> <meta itemprop=\"height\" content=\"197\"> <img decoding=\"async\" class=\"\" data-attachment-id=\"129635\" data-orig-file=\"https:\/\/itayachtscanada.com\/wp-content\/uploads\/2023\/08\/Capture-decran-le-2023-08-19-a-10.50.43.png\" data-orig-size=\"1154,846\" data-comments-opened=\"1\" data-image-meta=\"{&quot;aperture&quot;:&quot;0&quot;,&quot;credit&quot;:&quot;&quot;,&quot;camera&quot;:&quot;&quot;,&quot;caption&quot;:&quot;&quot;,&quot;created_timestamp&quot;:&quot;0&quot;,&quot;copyright&quot;:&quot;&quot;,&quot;focal_length&quot;:&quot;0&quot;,&quot;iso&quot;:&quot;0&quot;,&quot;shutter_speed&quot;:&quot;0&quot;,&quot;title&quot;:&quot;&quot;,&quot;orientation&quot;:&quot;0&quot;}\" data-image-title=\"Capture d\u2019\u00e9cran, le 2023-08-19 \u00e0 10.50.43\" data-image-description=\"\" data-medium-file=\"https:\/\/i0.wp.com\/itayachtscanada.com\/wp-content\/uploads\/2023\/08\/Capture-decran-le-2023-08-19-a-10.50.43.png?fit=300%2C220&#038;ssl=1\" data-large-file=\"https:\/\/i0.wp.com\/itayachtscanada.com\/wp-content\/uploads\/2023\/08\/Capture-decran-le-2023-08-19-a-10.50.43.png?fit=700%2C513&#038;ssl=1\" src=\"https:\/\/i0.wp.com\/itayachtscanada.com\/wp-content\/uploads\/2023\/08\/Capture-decran-le-2023-08-19-a-10.50.43.png?w=269&#038;h=197&#038;ssl=1\" srcset=\"https:\/\/i0.wp.com\/itayachtscanada.com\/wp-content\/uploads\/2023\/08\/Capture-decran-le-2023-08-19-a-10.50.43.png?w=1154&amp;ssl=1 1154w, https:\/\/i0.wp.com\/itayachtscanada.com\/wp-content\/uploads\/2023\/08\/Capture-decran-le-2023-08-19-a-10.50.43.png?resize=300%2C220&amp;ssl=1 300w, https:\/\/i0.wp.com\/itayachtscanada.com\/wp-content\/uploads\/2023\/08\/Capture-decran-le-2023-08-19-a-10.50.43.png?resize=1024%2C751&amp;ssl=1 1024w, https:\/\/i0.wp.com\/itayachtscanada.com\/wp-content\/uploads\/2023\/08\/Capture-decran-le-2023-08-19-a-10.50.43.png?resize=768%2C563&amp;ssl=1 768w, https:\/\/i0.wp.com\/itayachtscanada.com\/wp-content\/uploads\/2023\/08\/Capture-decran-le-2023-08-19-a-10.50.43.png?resize=700%2C513&amp;ssl=1 700w, https:\/\/i0.wp.com\/itayachtscanada.com\/wp-content\/uploads\/2023\/08\/Capture-decran-le-2023-08-19-a-10.50.43.png?resize=546%2C400&amp;ssl=1 546w\" width=\"269\" height=\"197\" loading=\"lazy\" data-original-width=\"269\" data-original-height=\"197\" itemprop=\"http:\/\/schema.org\/image\" title=\"Capture d\u2019\u00e9cran, le 2023-08-19 \u00e0 10.50.43\" alt=\"Ferretti 850 Vancouver\" style=\"width: 269px; height: 197px;\" \/> <\/a> <div class=\"tiled-gallery-caption\" itemprop=\"caption description\"> Ferretti 850 Vancouver <\/div> <\/div> <\/div> <!-- close group --> <div class=\"gallery-group images-1\" style=\"width: 155px; height: 201px;\" data-original-width=\"155\" data-original-height=\"201\" > <div class=\"tiled-gallery-item tiled-gallery-item-small\" itemprop=\"associatedMedia\" itemscope itemtype=\"http:\/\/schema.org\/ImageObject\"> <a href=\"https:\/\/itayachtscanada.com\/fr\/listing\/ferretti-850-flybridge-2019-6600000-usd-for-sale\/capture-decran-le-2023-08-19-a-10-50-11\/\" border=\"0\" itemprop=\"url\"> <meta itemprop=\"width\" content=\"151\"> <meta itemprop=\"height\" content=\"197\"> <img decoding=\"async\" class=\"\" data-attachment-id=\"129642\" data-orig-file=\"https:\/\/itayachtscanada.com\/wp-content\/uploads\/2023\/08\/Capture-decran-le-2023-08-19-a-10.50.11.png\" data-orig-size=\"648,846\" data-comments-opened=\"1\" data-image-meta=\"{&quot;aperture&quot;:&quot;0&quot;,&quot;credit&quot;:&quot;&quot;,&quot;camera&quot;:&quot;&quot;,&quot;caption&quot;:&quot;&quot;,&quot;created_timestamp&quot;:&quot;0&quot;,&quot;copyright&quot;:&quot;&quot;,&quot;focal_length&quot;:&quot;0&quot;,&quot;iso&quot;:&quot;0&quot;,&quot;shutter_speed&quot;:&quot;0&quot;,&quot;title&quot;:&quot;&quot;,&quot;orientation&quot;:&quot;0&quot;}\" data-image-title=\"Capture d\u2019\u00e9cran, le 2023-08-19 \u00e0 10.50.11\" data-image-description=\"\" data-medium-file=\"https:\/\/i0.wp.com\/itayachtscanada.com\/wp-content\/uploads\/2023\/08\/Capture-decran-le-2023-08-19-a-10.50.11.png?fit=230%2C300&#038;ssl=1\" data-large-file=\"https:\/\/i0.wp.com\/itayachtscanada.com\/wp-content\/uploads\/2023\/08\/Capture-decran-le-2023-08-19-a-10.50.11.png?fit=648%2C846&#038;ssl=1\" src=\"https:\/\/i0.wp.com\/itayachtscanada.com\/wp-content\/uploads\/2023\/08\/Capture-decran-le-2023-08-19-a-10.50.11.png?w=151&#038;h=197&#038;ssl=1\" srcset=\"https:\/\/i0.wp.com\/itayachtscanada.com\/wp-content\/uploads\/2023\/08\/Capture-decran-le-2023-08-19-a-10.50.11.png?w=648&amp;ssl=1 648w, https:\/\/i0.wp.com\/itayachtscanada.com\/wp-content\/uploads\/2023\/08\/Capture-decran-le-2023-08-19-a-10.50.11.png?resize=230%2C300&amp;ssl=1 230w, https:\/\/i0.wp.com\/itayachtscanada.com\/wp-content\/uploads\/2023\/08\/Capture-decran-le-2023-08-19-a-10.50.11.png?resize=306%2C400&amp;ssl=1 306w\" width=\"151\" height=\"197\" loading=\"lazy\" data-original-width=\"151\" data-original-height=\"197\" itemprop=\"http:\/\/schema.org\/image\" title=\"Capture d\u2019\u00e9cran, le 2023-08-19 \u00e0 10.50.11\" alt=\"Ferretti 850 Vancouver\" style=\"width: 151px; height: 197px;\" \/> <\/a> <div class=\"tiled-gallery-caption\" itemprop=\"caption description\"> Ferretti 850 Vancouver <\/div> <\/div> <\/div> <!-- close group --> <div class=\"gallery-group images-1\" style=\"width: 272px; height: 201px;\" data-original-width=\"272\" data-original-height=\"201\" > <div class=\"tiled-gallery-item tiled-gallery-item-large\" itemprop=\"associatedMedia\" itemscope itemtype=\"http:\/\/schema.org\/ImageObject\"> <a href=\"https:\/\/itayachtscanada.com\/fr\/listing\/ferretti-850-flybridge-2019-6600000-usd-for-sale\/capture-decran-le-2023-08-19-a-10-50-39\/\" border=\"0\" itemprop=\"url\"> <meta itemprop=\"width\" content=\"268\"> <meta itemprop=\"height\" content=\"197\"> <img decoding=\"async\" class=\"\" data-attachment-id=\"129636\" data-orig-file=\"https:\/\/itayachtscanada.com\/wp-content\/uploads\/2023\/08\/Capture-decran-le-2023-08-19-a-10.50.39.png\" data-orig-size=\"1154,846\" data-comments-opened=\"1\" data-image-meta=\"{&quot;aperture&quot;:&quot;0&quot;,&quot;credit&quot;:&quot;&quot;,&quot;camera&quot;:&quot;&quot;,&quot;caption&quot;:&quot;&quot;,&quot;created_timestamp&quot;:&quot;0&quot;,&quot;copyright&quot;:&quot;&quot;,&quot;focal_length&quot;:&quot;0&quot;,&quot;iso&quot;:&quot;0&quot;,&quot;shutter_speed&quot;:&quot;0&quot;,&quot;title&quot;:&quot;&quot;,&quot;orientation&quot;:&quot;0&quot;}\" data-image-title=\"Capture d\u2019\u00e9cran, le 2023-08-19 \u00e0 10.50.39\" data-image-description=\"\" data-medium-file=\"https:\/\/i0.wp.com\/itayachtscanada.com\/wp-content\/uploads\/2023\/08\/Capture-decran-le-2023-08-19-a-10.50.39.png?fit=300%2C220&#038;ssl=1\" data-large-file=\"https:\/\/i0.wp.com\/itayachtscanada.com\/wp-content\/uploads\/2023\/08\/Capture-decran-le-2023-08-19-a-10.50.39.png?fit=700%2C513&#038;ssl=1\" src=\"https:\/\/i0.wp.com\/itayachtscanada.com\/wp-content\/uploads\/2023\/08\/Capture-decran-le-2023-08-19-a-10.50.39.png?w=268&#038;h=197&#038;ssl=1\" srcset=\"https:\/\/i0.wp.com\/itayachtscanada.com\/wp-content\/uploads\/2023\/08\/Capture-decran-le-2023-08-19-a-10.50.39.png?w=1154&amp;ssl=1 1154w, https:\/\/i0.wp.com\/itayachtscanada.com\/wp-content\/uploads\/2023\/08\/Capture-decran-le-2023-08-19-a-10.50.39.png?resize=300%2C220&amp;ssl=1 300w, https:\/\/i0.wp.com\/itayachtscanada.com\/wp-content\/uploads\/2023\/08\/Capture-decran-le-2023-08-19-a-10.50.39.png?resize=1024%2C751&amp;ssl=1 1024w, https:\/\/i0.wp.com\/itayachtscanada.com\/wp-content\/uploads\/2023\/08\/Capture-decran-le-2023-08-19-a-10.50.39.png?resize=768%2C563&amp;ssl=1 768w, https:\/\/i0.wp.com\/itayachtscanada.com\/wp-content\/uploads\/2023\/08\/Capture-decran-le-2023-08-19-a-10.50.39.png?resize=700%2C513&amp;ssl=1 700w, https:\/\/i0.wp.com\/itayachtscanada.com\/wp-content\/uploads\/2023\/08\/Capture-decran-le-2023-08-19-a-10.50.39.png?resize=546%2C400&amp;ssl=1 546w\" width=\"268\" height=\"197\" loading=\"lazy\" data-original-width=\"268\" data-original-height=\"197\" itemprop=\"http:\/\/schema.org\/image\" title=\"Capture d\u2019\u00e9cran, le 2023-08-19 \u00e0 10.50.39\" alt=\"Ferretti 850 Vancouver\" style=\"width: 268px; height: 197px;\" \/> <\/a> <div class=\"tiled-gallery-caption\" itemprop=\"caption description\"> Ferretti 850 Vancouver <\/div> <\/div> <\/div> <!-- close group --> <\/div> <!-- close row --> <div class=\"gallery-row\" style=\"width: 700px; height: 344px;\" data-original-width=\"700\" data-original-height=\"344\" > <div class=\"gallery-group images-1\" style=\"width: 468px; height: 344px;\" data-original-width=\"468\" data-original-height=\"344\" > <div class=\"tiled-gallery-item tiled-gallery-item-large\" itemprop=\"associatedMedia\" itemscope itemtype=\"http:\/\/schema.org\/ImageObject\"> <a href=\"https:\/\/itayachtscanada.com\/fr\/listing\/ferretti-850-flybridge-2019-6600000-usd-for-sale\/capture-decran-le-2023-08-19-a-10-50-27\/\" border=\"0\" itemprop=\"url\"> <meta itemprop=\"width\" content=\"464\"> <meta itemprop=\"height\" content=\"340\"> <img decoding=\"async\" class=\"\" data-attachment-id=\"129639\" data-orig-file=\"https:\/\/itayachtscanada.com\/wp-content\/uploads\/2023\/08\/Capture-decran-le-2023-08-19-a-10.50.27.png\" data-orig-size=\"1154,846\" data-comments-opened=\"1\" data-image-meta=\"{&quot;aperture&quot;:&quot;0&quot;,&quot;credit&quot;:&quot;&quot;,&quot;camera&quot;:&quot;&quot;,&quot;caption&quot;:&quot;&quot;,&quot;created_timestamp&quot;:&quot;0&quot;,&quot;copyright&quot;:&quot;&quot;,&quot;focal_length&quot;:&quot;0&quot;,&quot;iso&quot;:&quot;0&quot;,&quot;shutter_speed&quot;:&quot;0&quot;,&quot;title&quot;:&quot;&quot;,&quot;orientation&quot;:&quot;0&quot;}\" data-image-title=\"Capture d\u2019\u00e9cran, le 2023-08-19 \u00e0 10.50.27\" data-image-description=\"\" data-medium-file=\"https:\/\/i0.wp.com\/itayachtscanada.com\/wp-content\/uploads\/2023\/08\/Capture-decran-le-2023-08-19-a-10.50.27.png?fit=300%2C220&#038;ssl=1\" data-large-file=\"https:\/\/i0.wp.com\/itayachtscanada.com\/wp-content\/uploads\/2023\/08\/Capture-decran-le-2023-08-19-a-10.50.27.png?fit=700%2C513&#038;ssl=1\" src=\"https:\/\/i0.wp.com\/itayachtscanada.com\/wp-content\/uploads\/2023\/08\/Capture-decran-le-2023-08-19-a-10.50.27.png?w=464&#038;h=340&#038;ssl=1\" srcset=\"https:\/\/i0.wp.com\/itayachtscanada.com\/wp-content\/uploads\/2023\/08\/Capture-decran-le-2023-08-19-a-10.50.27.png?w=1154&amp;ssl=1 1154w, https:\/\/i0.wp.com\/itayachtscanada.com\/wp-content\/uploads\/2023\/08\/Capture-decran-le-2023-08-19-a-10.50.27.png?resize=300%2C220&amp;ssl=1 300w, https:\/\/i0.wp.com\/itayachtscanada.com\/wp-content\/uploads\/2023\/08\/Capture-decran-le-2023-08-19-a-10.50.27.png?resize=1024%2C751&amp;ssl=1 1024w, https:\/\/i0.wp.com\/itayachtscanada.com\/wp-content\/uploads\/2023\/08\/Capture-decran-le-2023-08-19-a-10.50.27.png?resize=768%2C563&amp;ssl=1 768w, https:\/\/i0.wp.com\/itayachtscanada.com\/wp-content\/uploads\/2023\/08\/Capture-decran-le-2023-08-19-a-10.50.27.png?resize=700%2C513&amp;ssl=1 700w, https:\/\/i0.wp.com\/itayachtscanada.com\/wp-content\/uploads\/2023\/08\/Capture-decran-le-2023-08-19-a-10.50.27.png?resize=546%2C400&amp;ssl=1 546w\" width=\"464\" height=\"340\" loading=\"lazy\" data-original-width=\"464\" data-original-height=\"340\" itemprop=\"http:\/\/schema.org\/image\" title=\"Capture d\u2019\u00e9cran, le 2023-08-19 \u00e0 10.50.27\" alt=\"Ferretti 850 Vancouver\" style=\"width: 464px; height: 340px;\" \/> <\/a> <div class=\"tiled-gallery-caption\" itemprop=\"caption description\"> Ferretti 850 Vancouver <\/div> <\/div> <\/div> <!-- close group --> <div class=\"gallery-group images-2\" style=\"width: 232px; height: 344px;\" data-original-width=\"232\" data-original-height=\"344\" > <div class=\"tiled-gallery-item tiled-gallery-item-small\" itemprop=\"associatedMedia\" itemscope itemtype=\"http:\/\/schema.org\/ImageObject\"> <a href=\"https:\/\/itayachtscanada.com\/fr\/listing\/ferretti-850-flybridge-2019-6600000-usd-for-sale\/capture-decran-le-2023-08-19-a-10-50-23\/\" border=\"0\" itemprop=\"url\"> <meta itemprop=\"width\" content=\"228\"> <meta itemprop=\"height\" content=\"167\"> <img decoding=\"async\" class=\"\" data-attachment-id=\"129640\" data-orig-file=\"https:\/\/itayachtscanada.com\/wp-content\/uploads\/2023\/08\/Capture-decran-le-2023-08-19-a-10.50.23.png\" data-orig-size=\"1154,846\" data-comments-opened=\"1\" data-image-meta=\"{&quot;aperture&quot;:&quot;0&quot;,&quot;credit&quot;:&quot;&quot;,&quot;camera&quot;:&quot;&quot;,&quot;caption&quot;:&quot;&quot;,&quot;created_timestamp&quot;:&quot;0&quot;,&quot;copyright&quot;:&quot;&quot;,&quot;focal_length&quot;:&quot;0&quot;,&quot;iso&quot;:&quot;0&quot;,&quot;shutter_speed&quot;:&quot;0&quot;,&quot;title&quot;:&quot;&quot;,&quot;orientation&quot;:&quot;0&quot;}\" data-image-title=\"Capture d\u2019\u00e9cran, le 2023-08-19 \u00e0 10.50.23\" data-image-description=\"\" data-medium-file=\"https:\/\/i0.wp.com\/itayachtscanada.com\/wp-content\/uploads\/2023\/08\/Capture-decran-le-2023-08-19-a-10.50.23.png?fit=300%2C220&#038;ssl=1\" data-large-file=\"https:\/\/i0.wp.com\/itayachtscanada.com\/wp-content\/uploads\/2023\/08\/Capture-decran-le-2023-08-19-a-10.50.23.png?fit=700%2C513&#038;ssl=1\" src=\"https:\/\/i0.wp.com\/itayachtscanada.com\/wp-content\/uploads\/2023\/08\/Capture-decran-le-2023-08-19-a-10.50.23.png?w=228&#038;h=167&#038;ssl=1\" srcset=\"https:\/\/i0.wp.com\/itayachtscanada.com\/wp-content\/uploads\/2023\/08\/Capture-decran-le-2023-08-19-a-10.50.23.png?w=1154&amp;ssl=1 1154w, https:\/\/i0.wp.com\/itayachtscanada.com\/wp-content\/uploads\/2023\/08\/Capture-decran-le-2023-08-19-a-10.50.23.png?resize=300%2C220&amp;ssl=1 300w, https:\/\/i0.wp.com\/itayachtscanada.com\/wp-content\/uploads\/2023\/08\/Capture-decran-le-2023-08-19-a-10.50.23.png?resize=1024%2C751&amp;ssl=1 1024w, https:\/\/i0.wp.com\/itayachtscanada.com\/wp-content\/uploads\/2023\/08\/Capture-decran-le-2023-08-19-a-10.50.23.png?resize=768%2C563&amp;ssl=1 768w, https:\/\/i0.wp.com\/itayachtscanada.com\/wp-content\/uploads\/2023\/08\/Capture-decran-le-2023-08-19-a-10.50.23.png?resize=700%2C513&amp;ssl=1 700w, https:\/\/i0.wp.com\/itayachtscanada.com\/wp-content\/uploads\/2023\/08\/Capture-decran-le-2023-08-19-a-10.50.23.png?resize=546%2C400&amp;ssl=1 546w\" width=\"228\" height=\"167\" loading=\"lazy\" data-original-width=\"228\" data-original-height=\"167\" itemprop=\"http:\/\/schema.org\/image\" title=\"Capture d\u2019\u00e9cran, le 2023-08-19 \u00e0 10.50.23\" alt=\"Ferretti 850 Vancouver\" style=\"width: 228px; height: 167px;\" \/> <\/a> <div class=\"tiled-gallery-caption\" itemprop=\"caption description\"> Ferretti 850 Vancouver <\/div> <\/div> <div class=\"tiled-gallery-item tiled-gallery-item-small\" itemprop=\"associatedMedia\" itemscope itemtype=\"http:\/\/schema.org\/ImageObject\"> <a href=\"https:\/\/itayachtscanada.com\/fr\/listing\/ferretti-850-flybridge-2019-6600000-usd-for-sale\/capture-decran-le-2023-08-19-a-10-50-03\/\" border=\"0\" itemprop=\"url\"> <meta itemprop=\"width\" content=\"228\"> <meta itemprop=\"height\" content=\"169\"> <img decoding=\"async\" class=\"\" data-attachment-id=\"129643\" data-orig-file=\"https:\/\/itayachtscanada.com\/wp-content\/uploads\/2023\/08\/Capture-decran-le-2023-08-19-a-10.50.03.png\" data-orig-size=\"1142,846\" data-comments-opened=\"1\" data-image-meta=\"{&quot;aperture&quot;:&quot;0&quot;,&quot;credit&quot;:&quot;&quot;,&quot;camera&quot;:&quot;&quot;,&quot;caption&quot;:&quot;&quot;,&quot;created_timestamp&quot;:&quot;0&quot;,&quot;copyright&quot;:&quot;&quot;,&quot;focal_length&quot;:&quot;0&quot;,&quot;iso&quot;:&quot;0&quot;,&quot;shutter_speed&quot;:&quot;0&quot;,&quot;title&quot;:&quot;&quot;,&quot;orientation&quot;:&quot;0&quot;}\" data-image-title=\"Capture d\u2019\u00e9cran, le 2023-08-19 \u00e0 10.50.03\" data-image-description=\"\" data-medium-file=\"https:\/\/i0.wp.com\/itayachtscanada.com\/wp-content\/uploads\/2023\/08\/Capture-decran-le-2023-08-19-a-10.50.03.png?fit=300%2C222&#038;ssl=1\" data-large-file=\"https:\/\/i0.wp.com\/itayachtscanada.com\/wp-content\/uploads\/2023\/08\/Capture-decran-le-2023-08-19-a-10.50.03.png?fit=700%2C519&#038;ssl=1\" src=\"https:\/\/i0.wp.com\/itayachtscanada.com\/wp-content\/uploads\/2023\/08\/Capture-decran-le-2023-08-19-a-10.50.03.png?w=228&#038;h=169&#038;ssl=1\" srcset=\"https:\/\/i0.wp.com\/itayachtscanada.com\/wp-content\/uploads\/2023\/08\/Capture-decran-le-2023-08-19-a-10.50.03.png?w=1142&amp;ssl=1 1142w, https:\/\/i0.wp.com\/itayachtscanada.com\/wp-content\/uploads\/2023\/08\/Capture-decran-le-2023-08-19-a-10.50.03.png?resize=300%2C222&amp;ssl=1 300w, https:\/\/i0.wp.com\/itayachtscanada.com\/wp-content\/uploads\/2023\/08\/Capture-decran-le-2023-08-19-a-10.50.03.png?resize=1024%2C759&amp;ssl=1 1024w, https:\/\/i0.wp.com\/itayachtscanada.com\/wp-content\/uploads\/2023\/08\/Capture-decran-le-2023-08-19-a-10.50.03.png?resize=768%2C569&amp;ssl=1 768w, https:\/\/i0.wp.com\/itayachtscanada.com\/wp-content\/uploads\/2023\/08\/Capture-decran-le-2023-08-19-a-10.50.03.png?resize=700%2C519&amp;ssl=1 700w, https:\/\/i0.wp.com\/itayachtscanada.com\/wp-content\/uploads\/2023\/08\/Capture-decran-le-2023-08-19-a-10.50.03.png?resize=540%2C400&amp;ssl=1 540w\" width=\"228\" height=\"169\" loading=\"lazy\" data-original-width=\"228\" data-original-height=\"169\" itemprop=\"http:\/\/schema.org\/image\" title=\"Capture d\u2019\u00e9cran, le 2023-08-19 \u00e0 10.50.03\" alt=\"Ferretti 850 Vancouver\" style=\"width: 228px; height: 169px;\" \/> <\/a> <div class=\"tiled-gallery-caption\" itemprop=\"caption description\"> Ferretti 850 Vancouver <\/div> <\/div> <\/div> <!-- close group --> <\/div> <!-- close row --> <div class=\"gallery-row\" style=\"width: 700px; height: 340px;\" data-original-width=\"700\" data-original-height=\"340\" > <div class=\"gallery-group images-2\" style=\"width: 242px; height: 340px;\" data-original-width=\"242\" data-original-height=\"340\" > <div class=\"tiled-gallery-item tiled-gallery-item-small\" itemprop=\"associatedMedia\" itemscope itemtype=\"http:\/\/schema.org\/ImageObject\"> <a href=\"https:\/\/itayachtscanada.com\/fr\/listing\/ferretti-850-flybridge-2019-6600000-usd-for-sale\/capture-decran-le-2023-08-19-a-11-09-07\/\" border=\"0\" itemprop=\"url\"> <meta itemprop=\"width\" content=\"238\"> <meta itemprop=\"height\" content=\"156\"> <img decoding=\"async\" class=\"\" data-attachment-id=\"129660\" data-orig-file=\"https:\/\/itayachtscanada.com\/wp-content\/uploads\/2023\/08\/Capture-decran-le-2023-08-19-a-11.09.07.png\" data-orig-size=\"1784,1174\" data-comments-opened=\"1\" data-image-meta=\"{&quot;aperture&quot;:&quot;0&quot;,&quot;credit&quot;:&quot;&quot;,&quot;camera&quot;:&quot;&quot;,&quot;caption&quot;:&quot;&quot;,&quot;created_timestamp&quot;:&quot;0&quot;,&quot;copyright&quot;:&quot;&quot;,&quot;focal_length&quot;:&quot;0&quot;,&quot;iso&quot;:&quot;0&quot;,&quot;shutter_speed&quot;:&quot;0&quot;,&quot;title&quot;:&quot;&quot;,&quot;orientation&quot;:&quot;0&quot;}\" data-image-title=\"Capture d\u2019\u00e9cran, le 2023-08-19 \u00e0 11.09.07\" data-image-description=\"\" data-medium-file=\"https:\/\/i0.wp.com\/itayachtscanada.com\/wp-content\/uploads\/2023\/08\/Capture-decran-le-2023-08-19-a-11.09.07.png?fit=300%2C197&#038;ssl=1\" data-large-file=\"https:\/\/i0.wp.com\/itayachtscanada.com\/wp-content\/uploads\/2023\/08\/Capture-decran-le-2023-08-19-a-11.09.07.png?fit=700%2C461&#038;ssl=1\" src=\"https:\/\/i0.wp.com\/itayachtscanada.com\/wp-content\/uploads\/2023\/08\/Capture-decran-le-2023-08-19-a-11.09.07.png?w=238&#038;h=156&#038;ssl=1\" srcset=\"https:\/\/i0.wp.com\/itayachtscanada.com\/wp-content\/uploads\/2023\/08\/Capture-decran-le-2023-08-19-a-11.09.07.png?w=1784&amp;ssl=1 1784w, https:\/\/i0.wp.com\/itayachtscanada.com\/wp-content\/uploads\/2023\/08\/Capture-decran-le-2023-08-19-a-11.09.07.png?resize=300%2C197&amp;ssl=1 300w, https:\/\/i0.wp.com\/itayachtscanada.com\/wp-content\/uploads\/2023\/08\/Capture-decran-le-2023-08-19-a-11.09.07.png?resize=1024%2C674&amp;ssl=1 1024w, https:\/\/i0.wp.com\/itayachtscanada.com\/wp-content\/uploads\/2023\/08\/Capture-decran-le-2023-08-19-a-11.09.07.png?resize=768%2C505&amp;ssl=1 768w, https:\/\/i0.wp.com\/itayachtscanada.com\/wp-content\/uploads\/2023\/08\/Capture-decran-le-2023-08-19-a-11.09.07.png?resize=1536%2C1011&amp;ssl=1 1536w, https:\/\/i0.wp.com\/itayachtscanada.com\/wp-content\/uploads\/2023\/08\/Capture-decran-le-2023-08-19-a-11.09.07.png?resize=1200%2C790&amp;ssl=1 1200w, https:\/\/i0.wp.com\/itayachtscanada.com\/wp-content\/uploads\/2023\/08\/Capture-decran-le-2023-08-19-a-11.09.07.png?resize=700%2C461&amp;ssl=1 700w, https:\/\/i0.wp.com\/itayachtscanada.com\/wp-content\/uploads\/2023\/08\/Capture-decran-le-2023-08-19-a-11.09.07.png?resize=608%2C400&amp;ssl=1 608w, https:\/\/i0.wp.com\/itayachtscanada.com\/wp-content\/uploads\/2023\/08\/Capture-decran-le-2023-08-19-a-11.09.07.png?w=1400&amp;ssl=1 1400w\" width=\"238\" height=\"156\" loading=\"lazy\" data-original-width=\"238\" data-original-height=\"156\" itemprop=\"http:\/\/schema.org\/image\" title=\"Capture d\u2019\u00e9cran, le 2023-08-19 \u00e0 11.09.07\" alt=\"manufacturer picture\" style=\"width: 238px; height: 156px;\" \/> <\/a> <div class=\"tiled-gallery-caption\" itemprop=\"caption description\"> manufacturer picture <\/div> <\/div> <div class=\"tiled-gallery-item tiled-gallery-item-small\" itemprop=\"associatedMedia\" itemscope itemtype=\"http:\/\/schema.org\/ImageObject\"> <a href=\"https:\/\/itayachtscanada.com\/fr\/listing\/ferretti-850-flybridge-2019-6600000-usd-for-sale\/capture-decran-le-2023-08-19-a-10-49-19\/\" border=\"0\" itemprop=\"url\"> <meta itemprop=\"width\" content=\"238\"> <meta itemprop=\"height\" content=\"176\"> <img decoding=\"async\" class=\"\" data-attachment-id=\"129650\" data-orig-file=\"https:\/\/itayachtscanada.com\/wp-content\/uploads\/2023\/08\/Capture-decran-le-2023-08-19-a-10.49.19.png\" data-orig-size=\"1144,846\" data-comments-opened=\"1\" data-image-meta=\"{&quot;aperture&quot;:&quot;0&quot;,&quot;credit&quot;:&quot;&quot;,&quot;camera&quot;:&quot;&quot;,&quot;caption&quot;:&quot;&quot;,&quot;created_timestamp&quot;:&quot;0&quot;,&quot;copyright&quot;:&quot;&quot;,&quot;focal_length&quot;:&quot;0&quot;,&quot;iso&quot;:&quot;0&quot;,&quot;shutter_speed&quot;:&quot;0&quot;,&quot;title&quot;:&quot;&quot;,&quot;orientation&quot;:&quot;0&quot;}\" data-image-title=\"Capture d\u2019\u00e9cran, le 2023-08-19 \u00e0 10.49.19\" data-image-description=\"\" data-medium-file=\"https:\/\/i0.wp.com\/itayachtscanada.com\/wp-content\/uploads\/2023\/08\/Capture-decran-le-2023-08-19-a-10.49.19.png?fit=300%2C222&#038;ssl=1\" data-large-file=\"https:\/\/i0.wp.com\/itayachtscanada.com\/wp-content\/uploads\/2023\/08\/Capture-decran-le-2023-08-19-a-10.49.19.png?fit=700%2C517&#038;ssl=1\" src=\"https:\/\/i0.wp.com\/itayachtscanada.com\/wp-content\/uploads\/2023\/08\/Capture-decran-le-2023-08-19-a-10.49.19.png?w=238&#038;h=176&#038;ssl=1\" srcset=\"https:\/\/i0.wp.com\/itayachtscanada.com\/wp-content\/uploads\/2023\/08\/Capture-decran-le-2023-08-19-a-10.49.19.png?w=1144&amp;ssl=1 1144w, https:\/\/i0.wp.com\/itayachtscanada.com\/wp-content\/uploads\/2023\/08\/Capture-decran-le-2023-08-19-a-10.49.19.png?resize=300%2C222&amp;ssl=1 300w, https:\/\/i0.wp.com\/itayachtscanada.com\/wp-content\/uploads\/2023\/08\/Capture-decran-le-2023-08-19-a-10.49.19.png?resize=1024%2C757&amp;ssl=1 1024w, https:\/\/i0.wp.com\/itayachtscanada.com\/wp-content\/uploads\/2023\/08\/Capture-decran-le-2023-08-19-a-10.49.19.png?resize=768%2C568&amp;ssl=1 768w, https:\/\/i0.wp.com\/itayachtscanada.com\/wp-content\/uploads\/2023\/08\/Capture-decran-le-2023-08-19-a-10.49.19.png?resize=700%2C518&amp;ssl=1 700w, https:\/\/i0.wp.com\/itayachtscanada.com\/wp-content\/uploads\/2023\/08\/Capture-decran-le-2023-08-19-a-10.49.19.png?resize=541%2C400&amp;ssl=1 541w\" width=\"238\" height=\"176\" loading=\"lazy\" data-original-width=\"238\" data-original-height=\"176\" itemprop=\"http:\/\/schema.org\/image\" title=\"Capture d\u2019\u00e9cran, le 2023-08-19 \u00e0 10.49.19\" alt=\"Ferretti 850 Vancouver\" style=\"width: 238px; height: 176px;\" \/> <\/a> <div class=\"tiled-gallery-caption\" itemprop=\"caption description\"> Ferretti 850 Vancouver <\/div> <\/div> <\/div> <!-- close group --> <div class=\"gallery-group images-1\" style=\"width: 458px; height: 340px;\" data-original-width=\"458\" data-original-height=\"340\" > <div class=\"tiled-gallery-item tiled-gallery-item-large\" itemprop=\"associatedMedia\" itemscope itemtype=\"http:\/\/schema.org\/ImageObject\"> <a href=\"https:\/\/itayachtscanada.com\/fr\/listing\/ferretti-850-flybridge-2019-6600000-usd-for-sale\/capture-decran-le-2023-08-19-a-10-49-16\/\" border=\"0\" itemprop=\"url\"> <meta itemprop=\"width\" content=\"454\"> <meta itemprop=\"height\" content=\"336\"> <img decoding=\"async\" class=\"\" data-attachment-id=\"129649\" data-orig-file=\"https:\/\/itayachtscanada.com\/wp-content\/uploads\/2023\/08\/Capture-decran-le-2023-08-19-a-10.49.16.png\" data-orig-size=\"1144,846\" data-comments-opened=\"1\" data-image-meta=\"{&quot;aperture&quot;:&quot;0&quot;,&quot;credit&quot;:&quot;&quot;,&quot;camera&quot;:&quot;&quot;,&quot;caption&quot;:&quot;&quot;,&quot;created_timestamp&quot;:&quot;0&quot;,&quot;copyright&quot;:&quot;&quot;,&quot;focal_length&quot;:&quot;0&quot;,&quot;iso&quot;:&quot;0&quot;,&quot;shutter_speed&quot;:&quot;0&quot;,&quot;title&quot;:&quot;&quot;,&quot;orientation&quot;:&quot;0&quot;}\" data-image-title=\"Capture d\u2019\u00e9cran, le 2023-08-19 \u00e0 10.49.16\" data-image-description=\"\" data-medium-file=\"https:\/\/i0.wp.com\/itayachtscanada.com\/wp-content\/uploads\/2023\/08\/Capture-decran-le-2023-08-19-a-10.49.16.png?fit=300%2C222&#038;ssl=1\" data-large-file=\"https:\/\/i0.wp.com\/itayachtscanada.com\/wp-content\/uploads\/2023\/08\/Capture-decran-le-2023-08-19-a-10.49.16.png?fit=700%2C517&#038;ssl=1\" src=\"https:\/\/i0.wp.com\/itayachtscanada.com\/wp-content\/uploads\/2023\/08\/Capture-decran-le-2023-08-19-a-10.49.16.png?w=454&#038;h=336&#038;ssl=1\" srcset=\"https:\/\/i0.wp.com\/itayachtscanada.com\/wp-content\/uploads\/2023\/08\/Capture-decran-le-2023-08-19-a-10.49.16.png?w=1144&amp;ssl=1 1144w, https:\/\/i0.wp.com\/itayachtscanada.com\/wp-content\/uploads\/2023\/08\/Capture-decran-le-2023-08-19-a-10.49.16.png?resize=300%2C222&amp;ssl=1 300w, https:\/\/i0.wp.com\/itayachtscanada.com\/wp-content\/uploads\/2023\/08\/Capture-decran-le-2023-08-19-a-10.49.16.png?resize=1024%2C757&amp;ssl=1 1024w, https:\/\/i0.wp.com\/itayachtscanada.com\/wp-content\/uploads\/2023\/08\/Capture-decran-le-2023-08-19-a-10.49.16.png?resize=768%2C568&amp;ssl=1 768w, https:\/\/i0.wp.com\/itayachtscanada.com\/wp-content\/uploads\/2023\/08\/Capture-decran-le-2023-08-19-a-10.49.16.png?resize=700%2C518&amp;ssl=1 700w, https:\/\/i0.wp.com\/itayachtscanada.com\/wp-content\/uploads\/2023\/08\/Capture-decran-le-2023-08-19-a-10.49.16.png?resize=541%2C400&amp;ssl=1 541w\" width=\"454\" height=\"336\" loading=\"lazy\" data-original-width=\"454\" data-original-height=\"336\" itemprop=\"http:\/\/schema.org\/image\" title=\"Capture d\u2019\u00e9cran, le 2023-08-19 \u00e0 10.49.16\" alt=\"Ferretti 850 Vancouver\" style=\"width: 454px; height: 336px;\" \/> <\/a> <div class=\"tiled-gallery-caption\" itemprop=\"caption description\"> Ferretti 850 Vancouver <\/div> <\/div> <\/div> <!-- close group --> <\/div> <!-- close row --> <div class=\"gallery-row\" style=\"width: 700px; height: 332px;\" data-original-width=\"700\" data-original-height=\"332\" > <div class=\"gallery-group images-1\" style=\"width: 447px; height: 332px;\" data-original-width=\"447\" data-original-height=\"332\" > <div class=\"tiled-gallery-item tiled-gallery-item-large\" itemprop=\"associatedMedia\" itemscope itemtype=\"http:\/\/schema.org\/ImageObject\"> <a href=\"https:\/\/itayachtscanada.com\/fr\/listing\/ferretti-850-flybridge-2019-6600000-usd-for-sale\/capture-decran-le-2023-08-19-a-10-49-14\/\" border=\"0\" itemprop=\"url\"> <meta itemprop=\"width\" content=\"443\"> <meta itemprop=\"height\" content=\"328\"> <img decoding=\"async\" class=\"\" data-attachment-id=\"129648\" data-orig-file=\"https:\/\/itayachtscanada.com\/wp-content\/uploads\/2023\/08\/Capture-decran-le-2023-08-19-a-10.49.14.png\" data-orig-size=\"1144,846\" data-comments-opened=\"1\" data-image-meta=\"{&quot;aperture&quot;:&quot;0&quot;,&quot;credit&quot;:&quot;&quot;,&quot;camera&quot;:&quot;&quot;,&quot;caption&quot;:&quot;&quot;,&quot;created_timestamp&quot;:&quot;0&quot;,&quot;copyright&quot;:&quot;&quot;,&quot;focal_length&quot;:&quot;0&quot;,&quot;iso&quot;:&quot;0&quot;,&quot;shutter_speed&quot;:&quot;0&quot;,&quot;title&quot;:&quot;&quot;,&quot;orientation&quot;:&quot;0&quot;}\" data-image-title=\"Capture d\u2019\u00e9cran, le 2023-08-19 \u00e0 10.49.14\" data-image-description=\"\" data-medium-file=\"https:\/\/i0.wp.com\/itayachtscanada.com\/wp-content\/uploads\/2023\/08\/Capture-decran-le-2023-08-19-a-10.49.14.png?fit=300%2C222&#038;ssl=1\" data-large-file=\"https:\/\/i0.wp.com\/itayachtscanada.com\/wp-content\/uploads\/2023\/08\/Capture-decran-le-2023-08-19-a-10.49.14.png?fit=700%2C517&#038;ssl=1\" src=\"https:\/\/i0.wp.com\/itayachtscanada.com\/wp-content\/uploads\/2023\/08\/Capture-decran-le-2023-08-19-a-10.49.14.png?w=443&#038;h=328&#038;ssl=1\" srcset=\"https:\/\/i0.wp.com\/itayachtscanada.com\/wp-content\/uploads\/2023\/08\/Capture-decran-le-2023-08-19-a-10.49.14.png?w=1144&amp;ssl=1 1144w, https:\/\/i0.wp.com\/itayachtscanada.com\/wp-content\/uploads\/2023\/08\/Capture-decran-le-2023-08-19-a-10.49.14.png?resize=300%2C222&amp;ssl=1 300w, https:\/\/i0.wp.com\/itayachtscanada.com\/wp-content\/uploads\/2023\/08\/Capture-decran-le-2023-08-19-a-10.49.14.png?resize=1024%2C757&amp;ssl=1 1024w, https:\/\/i0.wp.com\/itayachtscanada.com\/wp-content\/uploads\/2023\/08\/Capture-decran-le-2023-08-19-a-10.49.14.png?resize=768%2C568&amp;ssl=1 768w, https:\/\/i0.wp.com\/itayachtscanada.com\/wp-content\/uploads\/2023\/08\/Capture-decran-le-2023-08-19-a-10.49.14.png?resize=700%2C518&amp;ssl=1 700w, https:\/\/i0.wp.com\/itayachtscanada.com\/wp-content\/uploads\/2023\/08\/Capture-decran-le-2023-08-19-a-10.49.14.png?resize=541%2C400&amp;ssl=1 541w\" width=\"443\" height=\"328\" loading=\"lazy\" data-original-width=\"443\" data-original-height=\"328\" itemprop=\"http:\/\/schema.org\/image\" title=\"Capture d\u2019\u00e9cran, le 2023-08-19 \u00e0 10.49.14\" alt=\"Ferretti 850 Vancouver\" style=\"width: 443px; height: 328px;\" \/> <\/a> <div class=\"tiled-gallery-caption\" itemprop=\"caption description\"> Ferretti 850 Vancouver <\/div> <\/div> <\/div> <!-- close group --> <div class=\"gallery-group images-1\" style=\"width: 253px; height: 332px;\" data-original-width=\"253\" data-original-height=\"332\" > <div class=\"tiled-gallery-item tiled-gallery-item-small\" itemprop=\"associatedMedia\" itemscope itemtype=\"http:\/\/schema.org\/ImageObject\"> <a href=\"https:\/\/itayachtscanada.com\/fr\/listing\/ferretti-850-flybridge-2019-6600000-usd-for-sale\/capture-decran-le-2023-08-19-a-10-49-06\/\" border=\"0\" itemprop=\"url\"> <meta itemprop=\"width\" content=\"249\"> <meta itemprop=\"height\" content=\"328\"> <img decoding=\"async\" class=\"\" data-attachment-id=\"129647\" data-orig-file=\"https:\/\/itayachtscanada.com\/wp-content\/uploads\/2023\/08\/Capture-decran-le-2023-08-19-a-10.49.06.png\" data-orig-size=\"642,846\" data-comments-opened=\"1\" data-image-meta=\"{&quot;aperture&quot;:&quot;0&quot;,&quot;credit&quot;:&quot;&quot;,&quot;camera&quot;:&quot;&quot;,&quot;caption&quot;:&quot;&quot;,&quot;created_timestamp&quot;:&quot;0&quot;,&quot;copyright&quot;:&quot;&quot;,&quot;focal_length&quot;:&quot;0&quot;,&quot;iso&quot;:&quot;0&quot;,&quot;shutter_speed&quot;:&quot;0&quot;,&quot;title&quot;:&quot;&quot;,&quot;orientation&quot;:&quot;0&quot;}\" data-image-title=\"Capture d\u2019\u00e9cran, le 2023-08-19 \u00e0 10.49.06\" data-image-description=\"\" data-medium-file=\"https:\/\/i0.wp.com\/itayachtscanada.com\/wp-content\/uploads\/2023\/08\/Capture-decran-le-2023-08-19-a-10.49.06.png?fit=228%2C300&#038;ssl=1\" data-large-file=\"https:\/\/i0.wp.com\/itayachtscanada.com\/wp-content\/uploads\/2023\/08\/Capture-decran-le-2023-08-19-a-10.49.06.png?fit=642%2C846&#038;ssl=1\" src=\"https:\/\/i0.wp.com\/itayachtscanada.com\/wp-content\/uploads\/2023\/08\/Capture-decran-le-2023-08-19-a-10.49.06.png?w=249&#038;h=328&#038;ssl=1\" srcset=\"https:\/\/i0.wp.com\/itayachtscanada.com\/wp-content\/uploads\/2023\/08\/Capture-decran-le-2023-08-19-a-10.49.06.png?w=642&amp;ssl=1 642w, https:\/\/i0.wp.com\/itayachtscanada.com\/wp-content\/uploads\/2023\/08\/Capture-decran-le-2023-08-19-a-10.49.06.png?resize=228%2C300&amp;ssl=1 228w, https:\/\/i0.wp.com\/itayachtscanada.com\/wp-content\/uploads\/2023\/08\/Capture-decran-le-2023-08-19-a-10.49.06.png?resize=304%2C400&amp;ssl=1 304w\" width=\"249\" height=\"328\" loading=\"lazy\" data-original-width=\"249\" data-original-height=\"328\" itemprop=\"http:\/\/schema.org\/image\" title=\"Capture d\u2019\u00e9cran, le 2023-08-19 \u00e0 10.49.06\" alt=\"Ferretti 850 Vancouver\" style=\"width: 249px; height: 328px;\" \/> <\/a> <div class=\"tiled-gallery-caption\" itemprop=\"caption description\"> Ferretti 850 Vancouver <\/div> <\/div> <\/div> <!-- close group --> <\/div> <!-- close row --> <div class=\"gallery-row\" style=\"width: 700px; height: 563px;\" data-original-width=\"700\" data-original-height=\"563\" > <div class=\"gallery-group images-1\" style=\"width: 428px; height: 563px;\" data-original-width=\"428\" data-original-height=\"563\" > <div class=\"tiled-gallery-item tiled-gallery-item-large\" itemprop=\"associatedMedia\" itemscope itemtype=\"http:\/\/schema.org\/ImageObject\"> <a href=\"https:\/\/itayachtscanada.com\/fr\/listing\/ferretti-850-flybridge-2019-6600000-usd-for-sale\/capture-decran-le-2023-08-19-a-10-49-03\/\" border=\"0\" itemprop=\"url\"> <meta itemprop=\"width\" content=\"424\"> <meta itemprop=\"height\" content=\"559\"> <img decoding=\"async\" class=\"\" data-attachment-id=\"129646\" data-orig-file=\"https:\/\/itayachtscanada.com\/wp-content\/uploads\/2023\/08\/Capture-decran-le-2023-08-19-a-10.49.03.png\" data-orig-size=\"642,846\" data-comments-opened=\"1\" data-image-meta=\"{&quot;aperture&quot;:&quot;0&quot;,&quot;credit&quot;:&quot;&quot;,&quot;camera&quot;:&quot;&quot;,&quot;caption&quot;:&quot;&quot;,&quot;created_timestamp&quot;:&quot;0&quot;,&quot;copyright&quot;:&quot;&quot;,&quot;focal_length&quot;:&quot;0&quot;,&quot;iso&quot;:&quot;0&quot;,&quot;shutter_speed&quot;:&quot;0&quot;,&quot;title&quot;:&quot;&quot;,&quot;orientation&quot;:&quot;0&quot;}\" data-image-title=\"Capture d\u2019\u00e9cran, le 2023-08-19 \u00e0 10.49.03\" data-image-description=\"\" data-medium-file=\"https:\/\/i0.wp.com\/itayachtscanada.com\/wp-content\/uploads\/2023\/08\/Capture-decran-le-2023-08-19-a-10.49.03.png?fit=228%2C300&#038;ssl=1\" data-large-file=\"https:\/\/i0.wp.com\/itayachtscanada.com\/wp-content\/uploads\/2023\/08\/Capture-decran-le-2023-08-19-a-10.49.03.png?fit=642%2C846&#038;ssl=1\" src=\"https:\/\/i0.wp.com\/itayachtscanada.com\/wp-content\/uploads\/2023\/08\/Capture-decran-le-2023-08-19-a-10.49.03.png?w=424&#038;h=559&#038;ssl=1\" srcset=\"https:\/\/i0.wp.com\/itayachtscanada.com\/wp-content\/uploads\/2023\/08\/Capture-decran-le-2023-08-19-a-10.49.03.png?w=642&amp;ssl=1 642w, https:\/\/i0.wp.com\/itayachtscanada.com\/wp-content\/uploads\/2023\/08\/Capture-decran-le-2023-08-19-a-10.49.03.png?resize=228%2C300&amp;ssl=1 228w, https:\/\/i0.wp.com\/itayachtscanada.com\/wp-content\/uploads\/2023\/08\/Capture-decran-le-2023-08-19-a-10.49.03.png?resize=304%2C400&amp;ssl=1 304w\" width=\"424\" height=\"559\" loading=\"lazy\" data-original-width=\"424\" data-original-height=\"559\" itemprop=\"http:\/\/schema.org\/image\" title=\"Capture d\u2019\u00e9cran, le 2023-08-19 \u00e0 10.49.03\" alt=\"Ferretti 850 Vancouver\" style=\"width: 424px; height: 559px;\" \/> <\/a> <div class=\"tiled-gallery-caption\" itemprop=\"caption description\"> Ferretti 850 Vancouver <\/div> <\/div> <\/div> <!-- close group --> <div class=\"gallery-group images-3\" style=\"width: 272px; height: 563px;\" data-original-width=\"272\" data-original-height=\"563\" > <div class=\"tiled-gallery-item tiled-gallery-item-large\" itemprop=\"associatedMedia\" itemscope itemtype=\"http:\/\/schema.org\/ImageObject\"> <a href=\"https:\/\/itayachtscanada.com\/fr\/listing\/ferretti-850-flybridge-2019-6600000-usd-for-sale\/capture-decran-le-2023-08-19-a-10-49-23\/\" border=\"0\" itemprop=\"url\"> <meta itemprop=\"width\" content=\"268\"> <meta itemprop=\"height\" content=\"198\"> <img decoding=\"async\" class=\"\" data-attachment-id=\"129651\" data-orig-file=\"https:\/\/itayachtscanada.com\/wp-content\/uploads\/2023\/08\/Capture-decran-le-2023-08-19-a-10.49.23.png\" data-orig-size=\"1144,846\" data-comments-opened=\"1\" data-image-meta=\"{&quot;aperture&quot;:&quot;0&quot;,&quot;credit&quot;:&quot;&quot;,&quot;camera&quot;:&quot;&quot;,&quot;caption&quot;:&quot;&quot;,&quot;created_timestamp&quot;:&quot;0&quot;,&quot;copyright&quot;:&quot;&quot;,&quot;focal_length&quot;:&quot;0&quot;,&quot;iso&quot;:&quot;0&quot;,&quot;shutter_speed&quot;:&quot;0&quot;,&quot;title&quot;:&quot;&quot;,&quot;orientation&quot;:&quot;0&quot;}\" data-image-title=\"Capture d\u2019\u00e9cran, le 2023-08-19 \u00e0 10.49.23\" data-image-description=\"\" data-medium-file=\"https:\/\/i0.wp.com\/itayachtscanada.com\/wp-content\/uploads\/2023\/08\/Capture-decran-le-2023-08-19-a-10.49.23.png?fit=300%2C222&#038;ssl=1\" data-large-file=\"https:\/\/i0.wp.com\/itayachtscanada.com\/wp-content\/uploads\/2023\/08\/Capture-decran-le-2023-08-19-a-10.49.23.png?fit=700%2C517&#038;ssl=1\" src=\"https:\/\/i0.wp.com\/itayachtscanada.com\/wp-content\/uploads\/2023\/08\/Capture-decran-le-2023-08-19-a-10.49.23.png?w=268&#038;h=198&#038;ssl=1\" srcset=\"https:\/\/i0.wp.com\/itayachtscanada.com\/wp-content\/uploads\/2023\/08\/Capture-decran-le-2023-08-19-a-10.49.23.png?w=1144&amp;ssl=1 1144w, https:\/\/i0.wp.com\/itayachtscanada.com\/wp-content\/uploads\/2023\/08\/Capture-decran-le-2023-08-19-a-10.49.23.png?resize=300%2C222&amp;ssl=1 300w, https:\/\/i0.wp.com\/itayachtscanada.com\/wp-content\/uploads\/2023\/08\/Capture-decran-le-2023-08-19-a-10.49.23.png?resize=1024%2C757&amp;ssl=1 1024w, https:\/\/i0.wp.com\/itayachtscanada.com\/wp-content\/uploads\/2023\/08\/Capture-decran-le-2023-08-19-a-10.49.23.png?resize=768%2C568&amp;ssl=1 768w, https:\/\/i0.wp.com\/itayachtscanada.com\/wp-content\/uploads\/2023\/08\/Capture-decran-le-2023-08-19-a-10.49.23.png?resize=700%2C518&amp;ssl=1 700w, https:\/\/i0.wp.com\/itayachtscanada.com\/wp-content\/uploads\/2023\/08\/Capture-decran-le-2023-08-19-a-10.49.23.png?resize=541%2C400&amp;ssl=1 541w\" width=\"268\" height=\"198\" loading=\"lazy\" data-original-width=\"268\" data-original-height=\"198\" itemprop=\"http:\/\/schema.org\/image\" title=\"Capture d\u2019\u00e9cran, le 2023-08-19 \u00e0 10.49.23\" alt=\"Ferretti 850 Vancouver\" style=\"width: 268px; height: 198px;\" \/> <\/a> <div class=\"tiled-gallery-caption\" itemprop=\"caption description\"> Ferretti 850 Vancouver <\/div> <\/div> <div class=\"tiled-gallery-item tiled-gallery-item-large\" itemprop=\"associatedMedia\" itemscope itemtype=\"http:\/\/schema.org\/ImageObject\"> <a href=\"https:\/\/itayachtscanada.com\/fr\/listing\/ferretti-850-flybridge-2019-6600000-usd-for-sale\/capture-decran-le-2023-08-19-a-11-09-20\/\" border=\"0\" itemprop=\"url\"> <meta itemprop=\"width\" content=\"268\"> <meta itemprop=\"height\" content=\"177\"> <img decoding=\"async\" class=\"\" data-attachment-id=\"129659\" data-orig-file=\"https:\/\/itayachtscanada.com\/wp-content\/uploads\/2023\/08\/Capture-decran-le-2023-08-19-a-11.09.20.png\" data-orig-size=\"1784,1174\" data-comments-opened=\"1\" data-image-meta=\"{&quot;aperture&quot;:&quot;0&quot;,&quot;credit&quot;:&quot;&quot;,&quot;camera&quot;:&quot;&quot;,&quot;caption&quot;:&quot;&quot;,&quot;created_timestamp&quot;:&quot;0&quot;,&quot;copyright&quot;:&quot;&quot;,&quot;focal_length&quot;:&quot;0&quot;,&quot;iso&quot;:&quot;0&quot;,&quot;shutter_speed&quot;:&quot;0&quot;,&quot;title&quot;:&quot;&quot;,&quot;orientation&quot;:&quot;0&quot;}\" data-image-title=\"Capture d\u2019\u00e9cran, le 2023-08-19 \u00e0 11.09.20\" data-image-description=\"\" data-medium-file=\"https:\/\/i0.wp.com\/itayachtscanada.com\/wp-content\/uploads\/2023\/08\/Capture-decran-le-2023-08-19-a-11.09.20.png?fit=300%2C197&#038;ssl=1\" data-large-file=\"https:\/\/i0.wp.com\/itayachtscanada.com\/wp-content\/uploads\/2023\/08\/Capture-decran-le-2023-08-19-a-11.09.20.png?fit=700%2C461&#038;ssl=1\" src=\"https:\/\/i0.wp.com\/itayachtscanada.com\/wp-content\/uploads\/2023\/08\/Capture-decran-le-2023-08-19-a-11.09.20.png?w=268&#038;h=177&#038;ssl=1\" srcset=\"https:\/\/i0.wp.com\/itayachtscanada.com\/wp-content\/uploads\/2023\/08\/Capture-decran-le-2023-08-19-a-11.09.20.png?w=1784&amp;ssl=1 1784w, https:\/\/i0.wp.com\/itayachtscanada.com\/wp-content\/uploads\/2023\/08\/Capture-decran-le-2023-08-19-a-11.09.20.png?resize=300%2C197&amp;ssl=1 300w, https:\/\/i0.wp.com\/itayachtscanada.com\/wp-content\/uploads\/2023\/08\/Capture-decran-le-2023-08-19-a-11.09.20.png?resize=1024%2C674&amp;ssl=1 1024w, https:\/\/i0.wp.com\/itayachtscanada.com\/wp-content\/uploads\/2023\/08\/Capture-decran-le-2023-08-19-a-11.09.20.png?resize=768%2C505&amp;ssl=1 768w, https:\/\/i0.wp.com\/itayachtscanada.com\/wp-content\/uploads\/2023\/08\/Capture-decran-le-2023-08-19-a-11.09.20.png?resize=1536%2C1011&amp;ssl=1 1536w, https:\/\/i0.wp.com\/itayachtscanada.com\/wp-content\/uploads\/2023\/08\/Capture-decran-le-2023-08-19-a-11.09.20.png?resize=1200%2C790&amp;ssl=1 1200w, https:\/\/i0.wp.com\/itayachtscanada.com\/wp-content\/uploads\/2023\/08\/Capture-decran-le-2023-08-19-a-11.09.20.png?resize=700%2C461&amp;ssl=1 700w, https:\/\/i0.wp.com\/itayachtscanada.com\/wp-content\/uploads\/2023\/08\/Capture-decran-le-2023-08-19-a-11.09.20.png?resize=608%2C400&amp;ssl=1 608w, https:\/\/i0.wp.com\/itayachtscanada.com\/wp-content\/uploads\/2023\/08\/Capture-decran-le-2023-08-19-a-11.09.20.png?w=1400&amp;ssl=1 1400w\" width=\"268\" height=\"177\" loading=\"lazy\" data-original-width=\"268\" data-original-height=\"177\" itemprop=\"http:\/\/schema.org\/image\" title=\"Capture d\u2019\u00e9cran, le 2023-08-19 \u00e0 11.09.20\" alt=\"manufacturer picture\" style=\"width: 268px; height: 177px;\" \/> <\/a> <div class=\"tiled-gallery-caption\" itemprop=\"caption description\"> manufacturer picture <\/div> <\/div> <div class=\"tiled-gallery-item tiled-gallery-item-large\" itemprop=\"associatedMedia\" itemscope itemtype=\"http:\/\/schema.org\/ImageObject\"> <a href=\"https:\/\/itayachtscanada.com\/fr\/listing\/ferretti-850-flybridge-2019-6600000-usd-for-sale\/capture-decran-le-2023-08-19-a-11-09-26\/\" border=\"0\" itemprop=\"url\"> <meta itemprop=\"width\" content=\"268\"> <meta itemprop=\"height\" content=\"176\"> <img decoding=\"async\" class=\"\" data-attachment-id=\"129658\" data-orig-file=\"https:\/\/itayachtscanada.com\/wp-content\/uploads\/2023\/08\/Capture-decran-le-2023-08-19-a-11.09.26.png\" data-orig-size=\"1784,1174\" data-comments-opened=\"1\" data-image-meta=\"{&quot;aperture&quot;:&quot;0&quot;,&quot;credit&quot;:&quot;&quot;,&quot;camera&quot;:&quot;&quot;,&quot;caption&quot;:&quot;&quot;,&quot;created_timestamp&quot;:&quot;0&quot;,&quot;copyright&quot;:&quot;&quot;,&quot;focal_length&quot;:&quot;0&quot;,&quot;iso&quot;:&quot;0&quot;,&quot;shutter_speed&quot;:&quot;0&quot;,&quot;title&quot;:&quot;&quot;,&quot;orientation&quot;:&quot;0&quot;}\" data-image-title=\"Capture d\u2019\u00e9cran, le 2023-08-19 \u00e0 11.09.26\" data-image-description=\"\" data-medium-file=\"https:\/\/i0.wp.com\/itayachtscanada.com\/wp-content\/uploads\/2023\/08\/Capture-decran-le-2023-08-19-a-11.09.26.png?fit=300%2C197&#038;ssl=1\" data-large-file=\"https:\/\/i0.wp.com\/itayachtscanada.com\/wp-content\/uploads\/2023\/08\/Capture-decran-le-2023-08-19-a-11.09.26.png?fit=700%2C461&#038;ssl=1\" src=\"https:\/\/i0.wp.com\/itayachtscanada.com\/wp-content\/uploads\/2023\/08\/Capture-decran-le-2023-08-19-a-11.09.26.png?w=268&#038;h=176&#038;ssl=1\" srcset=\"https:\/\/i0.wp.com\/itayachtscanada.com\/wp-content\/uploads\/2023\/08\/Capture-decran-le-2023-08-19-a-11.09.26.png?w=1784&amp;ssl=1 1784w, https:\/\/i0.wp.com\/itayachtscanada.com\/wp-content\/uploads\/2023\/08\/Capture-decran-le-2023-08-19-a-11.09.26.png?resize=300%2C197&amp;ssl=1 300w, https:\/\/i0.wp.com\/itayachtscanada.com\/wp-content\/uploads\/2023\/08\/Capture-decran-le-2023-08-19-a-11.09.26.png?resize=1024%2C674&amp;ssl=1 1024w, https:\/\/i0.wp.com\/itayachtscanada.com\/wp-content\/uploads\/2023\/08\/Capture-decran-le-2023-08-19-a-11.09.26.png?resize=768%2C505&amp;ssl=1 768w, https:\/\/i0.wp.com\/itayachtscanada.com\/wp-content\/uploads\/2023\/08\/Capture-decran-le-2023-08-19-a-11.09.26.png?resize=1536%2C1011&amp;ssl=1 1536w, https:\/\/i0.wp.com\/itayachtscanada.com\/wp-content\/uploads\/2023\/08\/Capture-decran-le-2023-08-19-a-11.09.26.png?resize=1200%2C790&amp;ssl=1 1200w, https:\/\/i0.wp.com\/itayachtscanada.com\/wp-content\/uploads\/2023\/08\/Capture-decran-le-2023-08-19-a-11.09.26.png?resize=700%2C461&amp;ssl=1 700w, https:\/\/i0.wp.com\/itayachtscanada.com\/wp-content\/uploads\/2023\/08\/Capture-decran-le-2023-08-19-a-11.09.26.png?resize=608%2C400&amp;ssl=1 608w, https:\/\/i0.wp.com\/itayachtscanada.com\/wp-content\/uploads\/2023\/08\/Capture-decran-le-2023-08-19-a-11.09.26.png?w=1400&amp;ssl=1 1400w\" width=\"268\" height=\"176\" loading=\"lazy\" data-original-width=\"268\" data-original-height=\"176\" itemprop=\"http:\/\/schema.org\/image\" title=\"Capture d\u2019\u00e9cran, le 2023-08-19 \u00e0 11.09.26\" alt=\"manufacturer picture\" style=\"width: 268px; height: 176px;\" \/> <\/a> <div class=\"tiled-gallery-caption\" itemprop=\"caption description\"> manufacturer picture <\/div> <\/div> <\/div> <!-- close group --> <\/div> <!-- close row --> <div class=\"gallery-row\" style=\"width: 700px; height: 336px;\" data-original-width=\"700\" data-original-height=\"336\" > <div class=\"gallery-group images-1\" style=\"width: 508px; height: 336px;\" data-original-width=\"508\" data-original-height=\"336\" > <div class=\"tiled-gallery-item tiled-gallery-item-large\" itemprop=\"associatedMedia\" itemscope itemtype=\"http:\/\/schema.org\/ImageObject\"> <a href=\"https:\/\/itayachtscanada.com\/fr\/listing\/ferretti-850-flybridge-2019-6600000-usd-for-sale\/capture-decran-le-2023-08-19-a-11-09-31\/\" border=\"0\" itemprop=\"url\"> <meta itemprop=\"width\" content=\"504\"> <meta itemprop=\"height\" content=\"332\"> <img decoding=\"async\" class=\"\" data-attachment-id=\"129657\" data-orig-file=\"https:\/\/itayachtscanada.com\/wp-content\/uploads\/2023\/08\/Capture-decran-le-2023-08-19-a-11.09.31.png\" data-orig-size=\"1784,1174\" data-comments-opened=\"1\" data-image-meta=\"{&quot;aperture&quot;:&quot;0&quot;,&quot;credit&quot;:&quot;&quot;,&quot;camera&quot;:&quot;&quot;,&quot;caption&quot;:&quot;&quot;,&quot;created_timestamp&quot;:&quot;0&quot;,&quot;copyright&quot;:&quot;&quot;,&quot;focal_length&quot;:&quot;0&quot;,&quot;iso&quot;:&quot;0&quot;,&quot;shutter_speed&quot;:&quot;0&quot;,&quot;title&quot;:&quot;&quot;,&quot;orientation&quot;:&quot;0&quot;}\" data-image-title=\"Capture d\u2019\u00e9cran, le 2023-08-19 \u00e0 11.09.31\" data-image-description=\"\" data-medium-file=\"https:\/\/i0.wp.com\/itayachtscanada.com\/wp-content\/uploads\/2023\/08\/Capture-decran-le-2023-08-19-a-11.09.31.png?fit=300%2C197&#038;ssl=1\" data-large-file=\"https:\/\/i0.wp.com\/itayachtscanada.com\/wp-content\/uploads\/2023\/08\/Capture-decran-le-2023-08-19-a-11.09.31.png?fit=700%2C461&#038;ssl=1\" src=\"https:\/\/i0.wp.com\/itayachtscanada.com\/wp-content\/uploads\/2023\/08\/Capture-decran-le-2023-08-19-a-11.09.31.png?w=504&#038;h=332&#038;ssl=1\" srcset=\"https:\/\/i0.wp.com\/itayachtscanada.com\/wp-content\/uploads\/2023\/08\/Capture-decran-le-2023-08-19-a-11.09.31.png?w=1784&amp;ssl=1 1784w, https:\/\/i0.wp.com\/itayachtscanada.com\/wp-content\/uploads\/2023\/08\/Capture-decran-le-2023-08-19-a-11.09.31.png?resize=300%2C197&amp;ssl=1 300w, https:\/\/i0.wp.com\/itayachtscanada.com\/wp-content\/uploads\/2023\/08\/Capture-decran-le-2023-08-19-a-11.09.31.png?resize=1024%2C674&amp;ssl=1 1024w, https:\/\/i0.wp.com\/itayachtscanada.com\/wp-content\/uploads\/2023\/08\/Capture-decran-le-2023-08-19-a-11.09.31.png?resize=768%2C505&amp;ssl=1 768w, https:\/\/i0.wp.com\/itayachtscanada.com\/wp-content\/uploads\/2023\/08\/Capture-decran-le-2023-08-19-a-11.09.31.png?resize=1536%2C1011&amp;ssl=1 1536w, https:\/\/i0.wp.com\/itayachtscanada.com\/wp-content\/uploads\/2023\/08\/Capture-decran-le-2023-08-19-a-11.09.31.png?resize=1200%2C790&amp;ssl=1 1200w, https:\/\/i0.wp.com\/itayachtscanada.com\/wp-content\/uploads\/2023\/08\/Capture-decran-le-2023-08-19-a-11.09.31.png?resize=700%2C461&amp;ssl=1 700w, https:\/\/i0.wp.com\/itayachtscanada.com\/wp-content\/uploads\/2023\/08\/Capture-decran-le-2023-08-19-a-11.09.31.png?resize=608%2C400&amp;ssl=1 608w, https:\/\/i0.wp.com\/itayachtscanada.com\/wp-content\/uploads\/2023\/08\/Capture-decran-le-2023-08-19-a-11.09.31.png?w=1400&amp;ssl=1 1400w\" width=\"504\" height=\"332\" loading=\"lazy\" data-original-width=\"504\" data-original-height=\"332\" itemprop=\"http:\/\/schema.org\/image\" title=\"Capture d\u2019\u00e9cran, le 2023-08-19 \u00e0 11.09.31\" alt=\"manufacturer picture\" style=\"width: 504px; height: 332px;\" \/> <\/a> <div class=\"tiled-gallery-caption\" itemprop=\"caption description\"> manufacturer picture <\/div> <\/div> <\/div> <!-- close group --> <div class=\"gallery-group images-2\" style=\"width: 192px; height: 336px;\" data-original-width=\"192\" data-original-height=\"336\" > <div class=\"tiled-gallery-item tiled-gallery-item-small\" itemprop=\"associatedMedia\" itemscope itemtype=\"http:\/\/schema.org\/ImageObject\"> <a href=\"https:\/\/itayachtscanada.com\/fr\/listing\/ferretti-850-flybridge-2019-6600000-usd-for-sale\/capture-decran-le-2023-08-19-a-10-48-04\/\" border=\"0\" itemprop=\"url\"> <meta itemprop=\"width\" content=\"188\"> <meta itemprop=\"height\" content=\"189\"> <img decoding=\"async\" class=\"\" data-attachment-id=\"129656\" data-orig-file=\"https:\/\/itayachtscanada.com\/wp-content\/uploads\/2023\/08\/Capture-decran-le-2023-08-19-a-10.48.04.png\" data-orig-size=\"1304,1308\" data-comments-opened=\"1\" data-image-meta=\"{&quot;aperture&quot;:&quot;0&quot;,&quot;credit&quot;:&quot;&quot;,&quot;camera&quot;:&quot;&quot;,&quot;caption&quot;:&quot;&quot;,&quot;created_timestamp&quot;:&quot;0&quot;,&quot;copyright&quot;:&quot;&quot;,&quot;focal_length&quot;:&quot;0&quot;,&quot;iso&quot;:&quot;0&quot;,&quot;shutter_speed&quot;:&quot;0&quot;,&quot;title&quot;:&quot;&quot;,&quot;orientation&quot;:&quot;0&quot;}\" data-image-title=\"Capture d\u2019\u00e9cran, le 2023-08-19 \u00e0 10.48.04\" data-image-description=\"\" data-medium-file=\"https:\/\/i0.wp.com\/itayachtscanada.com\/wp-content\/uploads\/2023\/08\/Capture-decran-le-2023-08-19-a-10.48.04.png?fit=300%2C300&#038;ssl=1\" data-large-file=\"https:\/\/i0.wp.com\/itayachtscanada.com\/wp-content\/uploads\/2023\/08\/Capture-decran-le-2023-08-19-a-10.48.04.png?fit=700%2C702&#038;ssl=1\" src=\"https:\/\/i0.wp.com\/itayachtscanada.com\/wp-content\/uploads\/2023\/08\/Capture-decran-le-2023-08-19-a-10.48.04.png?w=188&#038;h=189&#038;ssl=1\" srcset=\"https:\/\/i0.wp.com\/itayachtscanada.com\/wp-content\/uploads\/2023\/08\/Capture-decran-le-2023-08-19-a-10.48.04.png?w=1304&amp;ssl=1 1304w, https:\/\/i0.wp.com\/itayachtscanada.com\/wp-content\/uploads\/2023\/08\/Capture-decran-le-2023-08-19-a-10.48.04.png?resize=300%2C300&amp;ssl=1 300w, https:\/\/i0.wp.com\/itayachtscanada.com\/wp-content\/uploads\/2023\/08\/Capture-decran-le-2023-08-19-a-10.48.04.png?resize=1021%2C1024&amp;ssl=1 1021w, https:\/\/i0.wp.com\/itayachtscanada.com\/wp-content\/uploads\/2023\/08\/Capture-decran-le-2023-08-19-a-10.48.04.png?resize=150%2C150&amp;ssl=1 150w, https:\/\/i0.wp.com\/itayachtscanada.com\/wp-content\/uploads\/2023\/08\/Capture-decran-le-2023-08-19-a-10.48.04.png?resize=768%2C770&amp;ssl=1 768w, https:\/\/i0.wp.com\/itayachtscanada.com\/wp-content\/uploads\/2023\/08\/Capture-decran-le-2023-08-19-a-10.48.04.png?resize=60%2C60&amp;ssl=1 60w, https:\/\/i0.wp.com\/itayachtscanada.com\/wp-content\/uploads\/2023\/08\/Capture-decran-le-2023-08-19-a-10.48.04.png?resize=80%2C80&amp;ssl=1 80w, https:\/\/i0.wp.com\/itayachtscanada.com\/wp-content\/uploads\/2023\/08\/Capture-decran-le-2023-08-19-a-10.48.04.png?resize=1200%2C1204&amp;ssl=1 1200w, https:\/\/i0.wp.com\/itayachtscanada.com\/wp-content\/uploads\/2023\/08\/Capture-decran-le-2023-08-19-a-10.48.04.png?resize=800%2C800&amp;ssl=1 800w, https:\/\/i0.wp.com\/itayachtscanada.com\/wp-content\/uploads\/2023\/08\/Capture-decran-le-2023-08-19-a-10.48.04.png?resize=400%2C400&amp;ssl=1 400w, https:\/\/i0.wp.com\/itayachtscanada.com\/wp-content\/uploads\/2023\/08\/Capture-decran-le-2023-08-19-a-10.48.04.png?resize=200%2C200&amp;ssl=1 200w, https:\/\/i0.wp.com\/itayachtscanada.com\/wp-content\/uploads\/2023\/08\/Capture-decran-le-2023-08-19-a-10.48.04.png?resize=700%2C702&amp;ssl=1 700w, https:\/\/i0.wp.com\/itayachtscanada.com\/wp-content\/uploads\/2023\/08\/Capture-decran-le-2023-08-19-a-10.48.04.png?resize=100%2C100&amp;ssl=1 100w, https:\/\/i0.wp.com\/itayachtscanada.com\/wp-content\/uploads\/2023\/08\/Capture-decran-le-2023-08-19-a-10.48.04.png?resize=399%2C400&amp;ssl=1 399w, https:\/\/i0.wp.com\/itayachtscanada.com\/wp-content\/uploads\/2023\/08\/Capture-decran-le-2023-08-19-a-10.48.04.png?resize=50%2C50&amp;ssl=1 50w\" width=\"188\" height=\"189\" loading=\"lazy\" data-original-width=\"188\" data-original-height=\"189\" itemprop=\"http:\/\/schema.org\/image\" title=\"Capture d\u2019\u00e9cran, le 2023-08-19 \u00e0 10.48.04\" alt=\"Capture d\u2019\u00e9cran, le 2023-08-19 \u00e0 10.48.04\" style=\"width: 188px; height: 189px;\" \/> <\/a> <\/div> <div class=\"tiled-gallery-item tiled-gallery-item-small\" itemprop=\"associatedMedia\" itemscope itemtype=\"http:\/\/schema.org\/ImageObject\"> <a href=\"https:\/\/itayachtscanada.com\/fr\/listing\/ferretti-850-flybridge-2019-6600000-usd-for-sale\/capture-decran-le-2023-08-19-a-10-48-40\/\" border=\"0\" itemprop=\"url\"> <meta itemprop=\"width\" content=\"188\"> <meta itemprop=\"height\" content=\"139\"> <img decoding=\"async\" class=\"\" data-attachment-id=\"129645\" data-orig-file=\"https:\/\/itayachtscanada.com\/wp-content\/uploads\/2023\/08\/Capture-decran-le-2023-08-19-a-10.48.40.png\" data-orig-size=\"1144,846\" data-comments-opened=\"1\" data-image-meta=\"{&quot;aperture&quot;:&quot;0&quot;,&quot;credit&quot;:&quot;&quot;,&quot;camera&quot;:&quot;&quot;,&quot;caption&quot;:&quot;&quot;,&quot;created_timestamp&quot;:&quot;0&quot;,&quot;copyright&quot;:&quot;&quot;,&quot;focal_length&quot;:&quot;0&quot;,&quot;iso&quot;:&quot;0&quot;,&quot;shutter_speed&quot;:&quot;0&quot;,&quot;title&quot;:&quot;&quot;,&quot;orientation&quot;:&quot;0&quot;}\" data-image-title=\"Capture d\u2019\u00e9cran, le 2023-08-19 \u00e0 10.48.40\" data-image-description=\"\" data-medium-file=\"https:\/\/i0.wp.com\/itayachtscanada.com\/wp-content\/uploads\/2023\/08\/Capture-decran-le-2023-08-19-a-10.48.40.png?fit=300%2C222&#038;ssl=1\" data-large-file=\"https:\/\/i0.wp.com\/itayachtscanada.com\/wp-content\/uploads\/2023\/08\/Capture-decran-le-2023-08-19-a-10.48.40.png?fit=700%2C517&#038;ssl=1\" src=\"https:\/\/i0.wp.com\/itayachtscanada.com\/wp-content\/uploads\/2023\/08\/Capture-decran-le-2023-08-19-a-10.48.40.png?w=188&#038;h=139&#038;ssl=1\" srcset=\"https:\/\/i0.wp.com\/itayachtscanada.com\/wp-content\/uploads\/2023\/08\/Capture-decran-le-2023-08-19-a-10.48.40.png?w=1144&amp;ssl=1 1144w, https:\/\/i0.wp.com\/itayachtscanada.com\/wp-content\/uploads\/2023\/08\/Capture-decran-le-2023-08-19-a-10.48.40.png?resize=300%2C222&amp;ssl=1 300w, https:\/\/i0.wp.com\/itayachtscanada.com\/wp-content\/uploads\/2023\/08\/Capture-decran-le-2023-08-19-a-10.48.40.png?resize=1024%2C757&amp;ssl=1 1024w, https:\/\/i0.wp.com\/itayachtscanada.com\/wp-content\/uploads\/2023\/08\/Capture-decran-le-2023-08-19-a-10.48.40.png?resize=768%2C568&amp;ssl=1 768w, https:\/\/i0.wp.com\/itayachtscanada.com\/wp-content\/uploads\/2023\/08\/Capture-decran-le-2023-08-19-a-10.48.40.png?resize=700%2C518&amp;ssl=1 700w, https:\/\/i0.wp.com\/itayachtscanada.com\/wp-content\/uploads\/2023\/08\/Capture-decran-le-2023-08-19-a-10.48.40.png?resize=541%2C400&amp;ssl=1 541w\" width=\"188\" height=\"139\" loading=\"lazy\" data-original-width=\"188\" data-original-height=\"139\" itemprop=\"http:\/\/schema.org\/image\" title=\"Capture d\u2019\u00e9cran, le 2023-08-19 \u00e0 10.48.40\" alt=\"Capture d\u2019\u00e9cran, le 2023-08-19 \u00e0 10.48.40\" style=\"width: 188px; height: 139px;\" \/> <\/a> <\/div> <\/div> <!-- close group --> <\/div> <!-- close row --> <div class=\"gallery-row\" style=\"width: 700px; height: 924px;\" data-original-width=\"700\" data-original-height=\"924\" > <div class=\"gallery-group images-1\" style=\"width: 700px; height: 924px;\" data-original-width=\"700\" data-original-height=\"924\" > <div class=\"tiled-gallery-item tiled-gallery-item-large\" itemprop=\"associatedMedia\" itemscope itemtype=\"http:\/\/schema.org\/ImageObject\"> <a href=\"https:\/\/itayachtscanada.com\/fr\/listing\/ferretti-850-flybridge-2019-6600000-usd-for-sale\/capture-decran-le-2023-08-19-a-10-49-54\/\" border=\"0\" itemprop=\"url\"> <meta itemprop=\"width\" content=\"696\"> <meta itemprop=\"height\" content=\"920\"> <img decoding=\"async\" class=\"\" data-attachment-id=\"129644\" data-orig-file=\"https:\/\/itayachtscanada.com\/wp-content\/uploads\/2023\/08\/Capture-decran-le-2023-08-19-a-10.49.54.png\" data-orig-size=\"640,846\" data-comments-opened=\"1\" data-image-meta=\"{&quot;aperture&quot;:&quot;0&quot;,&quot;credit&quot;:&quot;&quot;,&quot;camera&quot;:&quot;&quot;,&quot;caption&quot;:&quot;&quot;,&quot;created_timestamp&quot;:&quot;0&quot;,&quot;copyright&quot;:&quot;&quot;,&quot;focal_length&quot;:&quot;0&quot;,&quot;iso&quot;:&quot;0&quot;,&quot;shutter_speed&quot;:&quot;0&quot;,&quot;title&quot;:&quot;&quot;,&quot;orientation&quot;:&quot;0&quot;}\" data-image-title=\"Capture d\u2019\u00e9cran, le 2023-08-19 \u00e0 10.49.54\" data-image-description=\"\" data-medium-file=\"https:\/\/i0.wp.com\/itayachtscanada.com\/wp-content\/uploads\/2023\/08\/Capture-decran-le-2023-08-19-a-10.49.54.png?fit=227%2C300&#038;ssl=1\" data-large-file=\"https:\/\/i0.wp.com\/itayachtscanada.com\/wp-content\/uploads\/2023\/08\/Capture-decran-le-2023-08-19-a-10.49.54.png?fit=640%2C846&#038;ssl=1\" src=\"https:\/\/i0.wp.com\/itayachtscanada.com\/wp-content\/uploads\/2023\/08\/Capture-decran-le-2023-08-19-a-10.49.54.png?w=696&#038;h=920&#038;ssl=1\" srcset=\"https:\/\/i0.wp.com\/itayachtscanada.com\/wp-content\/uploads\/2023\/08\/Capture-decran-le-2023-08-19-a-10.49.54.png?w=640&amp;ssl=1 640w, https:\/\/i0.wp.com\/itayachtscanada.com\/wp-content\/uploads\/2023\/08\/Capture-decran-le-2023-08-19-a-10.49.54.png?resize=227%2C300&amp;ssl=1 227w, https:\/\/i0.wp.com\/itayachtscanada.com\/wp-content\/uploads\/2023\/08\/Capture-decran-le-2023-08-19-a-10.49.54.png?resize=303%2C400&amp;ssl=1 303w\" width=\"696\" height=\"920\" loading=\"lazy\" data-original-width=\"696\" data-original-height=\"920\" itemprop=\"http:\/\/schema.org\/image\" title=\"Capture d\u2019\u00e9cran, le 2023-08-19 \u00e0 10.49.54\" alt=\"Capture d\u2019\u00e9cran, le 2023-08-19 \u00e0 10.49.54\" style=\"width: 696px; height: 920px;\" \/> <\/a> <\/div> <\/div> <!-- close group --> <\/div> <!-- close row --> <\/div>\n<p>&nbsp;<\/p>\n<div class=\"jetpack-video-wrapper\"><span class=\"embed-youtube\" style=\"text-align:center; display: block;\"><iframe loading=\"lazy\" class=\"youtube-player\" width=\"700\" height=\"394\" src=\"https:\/\/www.youtube.com\/embed\/tMry3Yx-n0A?version=3&#038;rel=1&#038;showsearch=0&#038;showinfo=1&#038;iv_load_policy=1&#038;fs=1&#038;hl=fr-FR&#038;autohide=2&#038;start=4&#038;wmode=transparent\" allowfullscreen=\"true\" style=\"border:0;\" sandbox=\"allow-scripts allow-same-origin allow-popups allow-presentation allow-popups-to-escape-sandbox\"><\/iframe><\/span><\/div>\n<p>&nbsp;<\/p>\n<div class=\"jetpack-video-wrapper\"><span class=\"embed-youtube\" style=\"text-align:center; display: block;\"><iframe loading=\"lazy\" class=\"youtube-player\" width=\"700\" height=\"394\" src=\"https:\/\/www.youtube.com\/embed\/fwwSqJDoMGc?version=3&#038;rel=1&#038;showsearch=0&#038;showinfo=1&#038;iv_load_policy=1&#038;fs=1&#038;hl=fr-FR&#038;autohide=2&#038;start=4&#038;wmode=transparent\" allowfullscreen=\"true\" style=\"border:0;\" sandbox=\"allow-scripts allow-same-origin allow-popups allow-presentation allow-popups-to-escape-sandbox\"><\/iframe><\/span><\/div>\n<p>&nbsp;<\/p>\n<div class=\"jetpack-video-wrapper\"><span class=\"embed-youtube\" style=\"text-align:center; display: block;\"><iframe loading=\"lazy\" class=\"youtube-player\" width=\"700\" height=\"394\" src=\"https:\/\/www.youtube.com\/embed\/92SaROo2iw4?version=3&#038;rel=1&#038;showsearch=0&#038;showinfo=1&#038;iv_load_policy=1&#038;fs=1&#038;hl=fr-FR&#038;autohide=2&#038;wmode=transparent\" allowfullscreen=\"true\" style=\"border:0;\" sandbox=\"allow-scripts allow-same-origin allow-popups allow-presentation allow-popups-to-escape-sandbox\"><\/iframe><\/span><\/div>\n<p>&nbsp;<\/p>\n<div>\n<p><b><span lang=\"EN-US\">Ita Yachts Canada offers to assist you and see to your interests for the purchase of this yacht that is for sale by another organization. We will be present during the inspection and throughout the transaction regardless of location. The Ita Yachts Canada team is committed to the highest ethical standards.<\/span><\/b><\/p>\n<\/div>\n<p>&nbsp;<\/p>\n<p>Caract\u00e9ristiques :<\/p>\n<p>Deux moteurs diesel MAN V12 (2 x 1900 ch)<br \/>\nHard Top avec toit en verre<br \/>\nStabilisateurs : Seakeeper<br \/>\nSyst\u00e8me de mise \u00e0 l&rsquo;eau des annexes<br \/>\nRallonge de c\u00e2ble : 10 m de rallonge de c\u00e2ble de quai (total 25 m)<br \/>\nEnrouleur de c\u00e2ble \u00e9lectrique<br \/>\nProjecteur \u00e9lectrique<br \/>\nPont du flybridge en teck<br \/>\nAuvent avec poteaux en carbone pour le lounge de proue<br \/>\nTaud d&rsquo;hivernage pour le cockpit<br \/>\nEclairage de l&rsquo;escalier menant \u00e0 la plate-forme arri\u00e8re<br \/>\nEclairage de l&rsquo;escalier menant au flybridge<br \/>\nPlaque de cuisson : 5 feux, type induction<br \/>\nR\u00e9frig\u00e9rateur c\u00f4te \u00e0 c\u00f4te avec distributeur d&rsquo;eau et de glace 230V-24 V avec inverseur &#8211; Diff.<br \/>\n\u00c9liminateur de d\u00e9chets dans l&rsquo;\u00e9vier de la cuisine<br \/>\nEclairage dans l&rsquo;escalier du pont inf\u00e9rieur<br \/>\nFiltre \u00e0 charbon actif<br \/>\nSyst\u00e8me REVERSO centralis\u00e9 pour la vidange d&rsquo;huile des moteurs, onduleurs et g\u00e9n\u00e9rateurs<br \/>\nS\u00e9parateur de fum\u00e9e pour le g\u00e9n\u00e9rateur (27W) &#8211; chacun<br \/>\nDessalinisateur : 130 l\/h Idromar<br \/>\nDessalinisateur : St\u00e9rilisateur UVA 230 V pour l&rsquo;eau potable<br \/>\nBain \u00e0 remous (SPA) sur le FlyBridge<br \/>\nD\u00eenette du quartier d&rsquo;\u00e9quipage<br \/>\nWet Bar dans le salon<br \/>\nToilettes de la cabine principale avec anneau chauffant \u00e9lectrique<br \/>\nCellier \u00e0 vin<br \/>\nMat\u00e9riau anti-incendie et anti-bruit suppl\u00e9mentaire<br \/>\nClimatiseur du FlyBridge (chaud et froid)<\/p>\n<p>&nbsp;<\/p>\n<div>\n<p><strong>AVIS DE NON-RESPONSABILIT\u00c9<\/strong><\/p>\n<\/div>\n<div>\n<p><strong>Le bateau qui est pr\u00e9sent\u00e9 sur cette page, l\u2019est uniquement \u00e0 titre d&rsquo;information et n&rsquo;est pas n\u00e9cessairement toujours disponible \u00e0 la vente et\/ou \u00e0 la location.<\/strong><span class=\"apple-converted-space\"><b>\u00a0<\/b><\/span><strong>Ce bateau est peut-\u00eatre offert sous r\u00e9serve, il faut v\u00e9rifier sa disponibilit\u00e9.<\/strong><span class=\"apple-converted-space\"><b>\u00a0<\/b><\/span><strong>\u00a0Ce document ou cette annonce n&rsquo;est pas contractuel. Les informations sur les bateaux affich\u00e9es dans les r\u00e9sultats ci-dessus sont pr\u00e9sent\u00e9es en toute bonne foi et, bien qu&rsquo;elles soient consid\u00e9r\u00e9es comme correctes, elles ne sont pas garanties. Ita Yachts Canada ne garantit pas et n&rsquo;assume aucune responsabilit\u00e9 l\u00e9gale ou responsabilit\u00e9 pour l&rsquo;exactitude, l&rsquo;exhaustivit\u00e9 ou l&rsquo;utilit\u00e9 des informations et\/ou des images affich\u00e9es, car elles peuvent ne pas \u00eatre \u00e0 jour ou encore \u00eatres des images d&rsquo;un bateau comparable. Toutes les informations sur les bateaux peuvent \u00eatre modifi\u00e9es sans pr\u00e9avis et sont sans garantie.<\/strong><span class=\"apple-converted-space\">\u00a0<\/span><strong>Ce bateau est peut-\u00eatre offert par un autre courtier ouvert au co-courtage (co-brokerage).<\/strong><\/p>\n<p>&nbsp;<\/p>\n<\/div>\n<p>&nbsp;<\/p>\n<div data-test='contact-form'\n\t\t\tid='contact-form-129629'\n\t\t\tclass='jetpack-contact-form-container '\n\t\t\tdata-wp-interactive='jetpack\/form' data-wp-context='{\"formId\":\"129629\",\"formHash\":\"55fa68627316f929ad75a52fa07e41fc9855d9c4\",\"showErrors\":false,\"errors\":[],\"fields\":[],\"isMultiStep\":false,\"useAjax\":false,\"submissionData\":null,\"formattedSubmissionData\":[],\"submissionSuccess\":false,\"submissionError\":null,\"elementId\":\"jp-form-55fa68627316f929ad75a52fa07e41fc9855d9c4\",\"isSingleInputForm\":false,\"isForcedHorizontal\":false}'\n\t\t\tdata-wp-watch--scroll-to-wrapper=\"callbacks.scrollToWrapper\"\n\t\t>\n<div class=\"contact-form-submission contact-form-ajax-submission\" data-wp-bind--aria-hidden=\"state.isSuccessMessageAriaHidden\" data-wp-class--submission-success=\"context.submissionSuccess\" id=\"contact-form-success-55fa68627316f929ad75a52fa07e41fc9855d9c4\" tabindex=\"-1\" aria-labelledby=\"contact-form-success-header-55fa68627316f929ad75a52fa07e41fc9855d9c4\"><p class=\"go-back-message\"><a class=\"link\" role=\"button\" tabindex=\"0\" data-wp-on--click=\"actions.goBack\" href=\"\/fr\/wp-json\/wp\/v2\/listing\/129629\">\u2190 Retour<\/a><\/p><h4 data-wp-bind--aria-hidden=\"state.isSuccessMessageAriaHidden\" id=\"contact-form-success-header-55fa68627316f929ad75a52fa07e41fc9855d9c4\">Merci pour votre r\u00e9ponse. \u2728<\/h4>\n\n<template data-wp-each--submission=\"context.formattedSubmissionData\">\n\t\t\t\t\t<div class=\"jetpack_forms_contact-form-success-summary\">\n\t\t\t\t\t\t<div class=\"field-name-wrapper\">\n\t\t\t\t\t\t\t<div class=\"field-type-icon\" data-wp-watch=\"callbacks.watchFieldTypeIcon\"><\/div>\n\t\t\t\t\t\t\t<div class=\"field-name\" data-wp-text=\"context.submission.label\" data-wp-bind--hidden=\"!context.submission.label\"><\/div>\n\t\t\t\t\t\t<\/div>\n\t\t\t\t\t\t<div class=\"field-value\" data-wp-text=\"context.submission.value\" data-wp-bind--hidden=\"!context.submission.showPlainValue\"><\/div>\n\t\t\t\t\t\t<a class=\"field-url\" data-wp-bind--href=\"context.submission.url\" data-wp-text=\"context.submission.value\" data-wp-bind--hidden=\"!context.submission.url\" target=\"_blank\" rel=\"noopener noreferrer\"><\/a>\n\t\t\t\t\t\t<div class=\"field-rating\" data-wp-bind--hidden=\"!context.submission.rating\" data-wp-watch=\"callbacks.watchRatingIcons\"><\/div>\n\t\t\t\t\t\t<div class=\"field-images\" data-wp-bind--hidden=\"!context.submission.images\">\n\t\t\t\t\t\t\t<template data-wp-each--image=\"context.submission.images\">\n\t\t\t\t\t\t\t\t<div class=\"field-image-option\" data-wp-class--is-empty=\"!context.image.src\">\n\t\t\t\t\t\t\t\t\t<figure class=\"field-image-option__image\" data-wp-class--is-empty=\"!context.image.src\">\n\t\t\t\t\t\t\t\t\t\t<img data-wp-bind--src=\"context.image.src\" data-wp-bind--hidden=\"!context.image.src\" \/>\n\t\t\t\t\t\t\t\t\t\t<img decoding=\"async\" src=\"data:image\/gif;base64,R0lGODlhAQABAAD\/ACwAAAAAAQABAAACADs=\" data-wp-bind--hidden=\"context.image.src\" \/>\n\t\t\t\t\t\t\t\t\t<\/figure>\n\t\t\t\t\t\t\t\t\t<div class=\"field-image-option__label-wrapper\">\n\t\t\t\t\t\t\t\t\t\t<span class=\"field-image-option__label-code\" data-wp-text=\"context.image.letterCode\"><\/span>\n\t\t\t\t\t\t\t\t\t\t<span class=\"field-image-option__label\" data-wp-text=\"context.image.label\" data-wp-bind--hidden=\"!context.image.label\"><\/span>\n\t\t\t\t\t\t\t\t\t<\/div>\n\t\t\t\t\t\t\t\t<\/div>\n\t\t\t\t\t\t\t<\/template>\n\t\t\t\t\t\t<\/div>\n\t\t\t\t\t\t<div class=\"field-files\" data-wp-bind--hidden=\"!context.submission.files\">\n\t\t\t\t\t\t\t<template data-wp-each--file=\"context.submission.files\">\n\t\t\t\t\t\t\t\t<div class=\"field-file\">\n\t\t\t\t\t\t\t\t\t<div class=\"field-file__thumbnail\" data-wp-style--background-image=\"context.file.previewUrl\" data-wp-style--mask-image=\"context.file.iconUrl\" data-wp-bind--hidden=\"!context.file.hasPreview\"><\/div>\n\t\t\t\t\t\t\t\t\t<svg class=\"field-file__icon\" data-wp-bind--hidden=\"context.file.hasPreview\" width=\"20\" height=\"20\" viewBox=\"0 0 24 24\" fill=\"none\" xmlns=\"http:\/\/www.w3.org\/2000\/svg\" aria-hidden=\"true\">\n\t\t\t\t\t\t\t\t\t\t<path d=\"M14 2H6C4.9 2 4 2.9 4 4V20C4 21.1 4.89 22 5.99 22H18C19.1 22 20 21.1 20 20V8L14 2ZM18 20H6V4H13V9H18V20Z\" fill=\"currentColor\"\/>\n\t\t\t\t\t\t\t\t\t<\/svg>\n\t\t\t\t\t\t\t\t\t<span class=\"field-file__name\" data-wp-text=\"context.file.name\"><\/span>\n\t\t\t\t\t\t\t\t\t<span class=\"field-file__size\" data-wp-text=\"context.file.size\"><\/span>\n\t\t\t\t\t\t\t\t<\/div>\n\t\t\t\t\t\t\t<\/template>\n\t\t\t\t\t\t<\/div>\n\t\t\t\t\t<\/div>\n\t\t\t\t<\/template><\/div><form action='https:\/\/itayachtscanada.com\/fr\/listing\/ferretti-850-flybridge-2019-6600000-usd-for-sale\/'\n\t\t\t\tid='jp-form-55fa68627316f929ad75a52fa07e41fc9855d9c4'\n\t\t\t\tmethod='post'\n\t\t\t\tclass='contact-form commentsblock jetpack-contact-form__form has-no-jetpack-form-layout' aria-label=\"{:en}Ferretti 850 Flybridge 2020 $5,680,000 usd for sale{:}{:fr}Ferretti 850 Flybridge 2020 $5,680,000 usd \u00e0 vendre{:}\"\n\t\t\t\tdata-wp-on--submit=\"actions.onFormSubmit\"\n\t\t\t\tdata-wp-on--reset=\"actions.onFormReset\"\n\t\t\t\tdata-wp-class--submission-success=\"context.submissionSuccess\"\n\t\t\t\tdata-wp-class--is-first-step=\"state.isFirstStep\"\n\t\t\t\tdata-wp-class--is-last-step=\"state.isLastStep\"\n\t\t\t\tdata-wp-class--is-ajax-form=\"context.useAjax\"\n\t\t\t\tnovalidate >\n<input type='hidden' name='jetpack_contact_form_jwt' value='eyJ0eXAiOiJKV1QiLCJhbGciOiJIUzI1NiJ9.eyJlbmNyeXB0ZWRfYXR0cmlidXRlcyI6IktOMjN1cnpqSzJ3cTlFa3loYlRSbUtKTjg1RU9LcjNpVDl1L1RKTXUxVnZXcDNpakNLSTc5d2xOZ0RSWERjVHdKSjRLT2QyV0hnZkNPa1pEbWRERzg5V1k2NWhMVEN4Vmh4R0NJOVM0R2VneWhHWlVNa3lMd0JHS0tzTmwyMkVvR0ptSzdwQXhoMTh6djV5RkZjWlJ2MHpDbkVEN1Bab0ZxUlVGZFIyazhYRjJpOU5PNWpYY3dTT0Z2dUlkakJDVzUyRUE3Qmp2WEtINXliVURkZGUyN1R4NmhISXlPY3RiQkl0eWRETFdWdVZKRGRKMk9VeU5rb0RBVFlVVlQ5QW1UcUVVWmJtV0Zrd291am9aTlpyN0k5YmllSzNiK1dFSWk5Rm1nMjN0MGxKVGZ0TmQyNkU5bUVsY1lHRlRURnJ3RThLU0I1c25rL1o5US9iTXJ4Vy83M1hXSDZZZncrVmhYbkZtQ09SY1BaTWJTSzdmY0g4ZDByL2llKzA1UTR4SHMydUFwMnliTzNYRWhJdkxnLzNCMnI5RFp0QzVZT1A4VlhBMnBFRnpyclJZQW5MdzJwNXZKQkM0d2xrRXBCSGliUU00Zm04MU5keHNUUXdPd2lOdGNkZ0c1eThHVDQ1ZWFlSnZBUkZiN0hXM1hjdG4zUUNFVWxqdnVoRVdSQmdiTkFMYVJPV1YxVkd2a0dHWHU2bTVRb2hXaTlCVEY0N1ZSdURUNEVwUzhRQmJHeTQwTUFDSDlweWpNMnNBYStKNlpFMUhINDdaR2JOZjhjWmlJbFY3SGVoQzFFeUxzcjlpemQvZzZGRmR4Z28wUnJEYkJ1dXJSZ0dlYjhMQVkwSllVOWpwdHllUW4yYUpOcjB1d0J5c3ZiZDFYajZUSjNXSlFSWDdoSHpMZHdrWktRUHpVemNXd2dzdElCUjVlRDhQRzN6L3ZCVUVDVHAxWi9zUWt0b0VTUW8rNXdiVTBMeU1TNkxvQTBEc0E5SWQ5OUJ4djlKaDhBZk5XbjBHenZGeE9jamlPbklJeVM0NXBZNk16V1RSemNzTjRoWjJxQzdNcGdxNFo3WG11U05HUG1HcFR4NmgxOUtTUTd1UW9OVEVhNmMvc0ptbnFTdVdPclRUTHdkV1hkVGtCeDNpdHVYOVNsbkcyandRUTZ3eGR5SUEvaWRrd2xEU0xaOHBPTFZMUkFLc2RTSlhXbE5vQUtoQ29RVis0Umplb3dxWS90MXJPcFlRYVdHWDBRQTVTNlJScjVuTHRLcnVvaVN1N1d1RnBvSFMiLCJjb250ZW50IjoiW2NvbnRhY3QtZmllbGQgbGFiZWw9XCJOb21cIiB0eXBlPVwibmFtZVwiIHJlcXVpcmVkPVwiMVwiXVtjb250YWN0LWZpZWxkIGxhYmVsPVwiRS1tYWlsXCIgdHlwZT1cImVtYWlsXCIgcmVxdWlyZWQ9XCIxXCJdW2NvbnRhY3QtZmllbGQgbGFiZWw9XCJBdSBzdWpldCBkZSBjZSB5YWNodCA6IFwiIHR5cGU9XCJ0ZXh0XCJdW2NvbnRhY3QtZmllbGQgbGFiZWw9XCJNZXNzYWdlXCIgdHlwZT1cInRleHRhcmVhXCJdIiwiaGFzaCI6IjU1ZmE2ODYyNzMxNmY5MjlhZDc1YTUyZmEwN2U0MWZjOTg1NWQ5YzQiLCJzb3VyY2UiOnsiZW50cnlfdGl0bGUiOiJGZXJyZXR0aSA4NTAgRmx5YnJpZGdlIDIwMjAgJDUsNjgwLDAwMCB1c2QgXHUwMGUwIHZlbmRyZSIsImVudHJ5X3BhZ2UiOjEsInNvdXJjZV9pZCI6MTI5NjI5LCJzb3VyY2VfdHlwZSI6InNpbmdsZSIsInJlcXVlc3RfdXJsIjoiaHR0cHM6Ly9pdGF5YWNodHNjYW5hZGEuY29tL2ZyL3dwLWpzb24vd3AvdjIvbGlzdGluZy8xMjk2MjkifSwidmVyc2lvbiI6MiwiY2lwaGVyIjoiYWVzLTI1Ni1nY20ifQ.-j09GkpIdjQTw46tH30BUyVkPTIHYZr_-sWaT_GgW18' \/>\n\n<div style=\"\"  data-wp-interactive=\"jetpack\/form\" data-wp-context='{\"fieldId\":\"g129629-nom\",\"fieldType\":\"name\",\"fieldLabel\":\"Nom\",\"fieldValue\":\"\",\"fieldPlaceholder\":\"\",\"fieldIsRequired\":\"1\",\"fieldErrorMessage\":\"\",\"fieldExtra\":[],\"formHash\":\"55fa68627316f929ad75a52fa07e41fc9855d9c4\"}'  class='grunion-field-name-wrap grunion-field-wrap'  data-wp-init='callbacks.initializeField' data-wp-on--jetpack-form-reset='callbacks.initializeField' >\n<label\n\t\t\t\tfor='g129629-nom' class=\"grunion-field-label name\" >Nom<span class=\"grunion-label-required\" aria-hidden=\"true\">(obligatoire)<\/span><\/label>\n<input\n\t\t\t\t\ttype='text'\n\t\t\t\t\tname='g129629-nom'\n\t\t\t\t\tid='g129629-nom'\n\t\t\t\t\tvalue=''\n\n\t\t\t\t\tdata-wp-bind--aria-invalid='state.fieldAriaInvalid'\n\t\t\t\t\tdata-wp-bind--value='state.getFieldValue'\n\t\t\t\t\taria-describedby='g129629-nom-text-error-message'\n\t\t\t\t\tdata-wp-on--input='actions.onFieldChange'\n\t\t\t\t\tdata-wp-on--blur='actions.onFieldBlur'\n\t\t\t\t\tdata-wp-class--has-value='state.hasFieldValue'\n\n\t\t\t\t\tclass='name  grunion-field' \n\t\t\t\t\trequired='true' aria-required='true'  \/>\n \n\t\t\t<div id=\"g129629-nom-text-error\" class=\"contact-form__input-error\" data-wp-class--has-errors=\"state.fieldHasErrors\">\n\t\t\t\t<span class=\"contact-form__warning-icon\" aria-hidden=\"true\">\n\t\t\t\t\t<svg width=\"16\" height=\"16\" viewBox=\"0 0 16 16\" fill=\"none\" xmlns=\"http:\/\/www.w3.org\/2000\/svg\">\n\t\t\t\t\t\t<path d=\"M8.50015 11.6402H7.50015V10.6402H8.50015V11.6402Z\" \/>\n\t\t\t\t\t\t<path d=\"M7.50015 9.64018H8.50015V6.30684H7.50015V9.64018Z\" \/>\n\t\t\t\t\t\t<path fill-rule=\"evenodd\" clip-rule=\"evenodd\" d=\"M6.98331 3.0947C7.42933 2.30177 8.57096 2.30177 9.01698 3.09469L13.8771 11.7349C14.3145 12.5126 13.7525 13.4735 12.8602 13.4735H3.14004C2.24774 13.4735 1.68575 12.5126 2.12321 11.7349L6.98331 3.0947ZM8.14541 3.58496C8.08169 3.47168 7.9186 3.47168 7.85488 3.58496L2.99478 12.2251C2.93229 12.3362 3.01257 12.4735 3.14004 12.4735H12.8602C12.9877 12.4735 13.068 12.3362 13.0055 12.2251L8.14541 3.58496Z\" \/>\n\t\t\t\t\t<\/svg>\n\t\t\t\t<\/span>\n\t\t\t\t<span data-wp-text=\"state.errorMessage\" id=\"g129629-nom-text-error-message\"><\/span>\n\t\t\t<\/div> \n\t<\/div>\n\n<div style=\"\"  data-wp-interactive=\"jetpack\/form\" data-wp-context='{\"fieldId\":\"g129629-email\",\"fieldType\":\"email\",\"fieldLabel\":\"E-mail\",\"fieldValue\":\"\",\"fieldPlaceholder\":\"\",\"fieldIsRequired\":\"1\",\"fieldErrorMessage\":\"\",\"fieldExtra\":[],\"formHash\":\"55fa68627316f929ad75a52fa07e41fc9855d9c4\"}'  class='grunion-field-email-wrap grunion-field-wrap'  data-wp-init='callbacks.initializeField' data-wp-on--jetpack-form-reset='callbacks.initializeField' >\n<label\n\t\t\t\tfor='g129629-email' class=\"grunion-field-label email\" >E-mail<span class=\"grunion-label-required\" aria-hidden=\"true\">(obligatoire)<\/span><\/label>\n<input\n\t\t\t\t\ttype='email'\n\t\t\t\t\tname='g129629-email'\n\t\t\t\t\tid='g129629-email'\n\t\t\t\t\tvalue=''\n\n\t\t\t\t\tdata-wp-bind--aria-invalid='state.fieldAriaInvalid'\n\t\t\t\t\tdata-wp-bind--value='state.getFieldValue'\n\t\t\t\t\taria-describedby='g129629-email-email-error-message'\n\t\t\t\t\tdata-wp-on--input='actions.onFieldChange'\n\t\t\t\t\tdata-wp-on--blur='actions.onFieldBlur'\n\t\t\t\t\tdata-wp-class--has-value='state.hasFieldValue'\n\n\t\t\t\t\tclass='email  grunion-field' \n\t\t\t\t\trequired='true' aria-required='true'  \/>\n \n\t\t\t<div id=\"g129629-email-email-error\" class=\"contact-form__input-error\" data-wp-class--has-errors=\"state.fieldHasErrors\">\n\t\t\t\t<span class=\"contact-form__warning-icon\" aria-hidden=\"true\">\n\t\t\t\t\t<svg width=\"16\" height=\"16\" viewBox=\"0 0 16 16\" fill=\"none\" xmlns=\"http:\/\/www.w3.org\/2000\/svg\">\n\t\t\t\t\t\t<path d=\"M8.50015 11.6402H7.50015V10.6402H8.50015V11.6402Z\" \/>\n\t\t\t\t\t\t<path d=\"M7.50015 9.64018H8.50015V6.30684H7.50015V9.64018Z\" \/>\n\t\t\t\t\t\t<path fill-rule=\"evenodd\" clip-rule=\"evenodd\" d=\"M6.98331 3.0947C7.42933 2.30177 8.57096 2.30177 9.01698 3.09469L13.8771 11.7349C14.3145 12.5126 13.7525 13.4735 12.8602 13.4735H3.14004C2.24774 13.4735 1.68575 12.5126 2.12321 11.7349L6.98331 3.0947ZM8.14541 3.58496C8.08169 3.47168 7.9186 3.47168 7.85488 3.58496L2.99478 12.2251C2.93229 12.3362 3.01257 12.4735 3.14004 12.4735H12.8602C12.9877 12.4735 13.068 12.3362 13.0055 12.2251L8.14541 3.58496Z\" \/>\n\t\t\t\t\t<\/svg>\n\t\t\t\t<\/span>\n\t\t\t\t<span data-wp-text=\"state.errorMessage\" id=\"g129629-email-email-error-message\"><\/span>\n\t\t\t<\/div> \n\t<\/div>\n\n<div style=\"\"  data-wp-interactive=\"jetpack\/form\" data-wp-context='{\"fieldId\":\"g129629-ausujetdeceyacht\",\"fieldType\":\"text\",\"fieldLabel\":\"Au sujet de ce yacht : \",\"fieldValue\":\"\",\"fieldPlaceholder\":\"\",\"fieldIsRequired\":\"\",\"fieldErrorMessage\":\"\",\"fieldExtra\":[],\"formHash\":\"55fa68627316f929ad75a52fa07e41fc9855d9c4\"}'  class='grunion-field-text-wrap grunion-field-wrap'  data-wp-init='callbacks.initializeField' data-wp-on--jetpack-form-reset='callbacks.initializeField' >\n<label\n\t\t\t\tfor='g129629-ausujetdeceyacht' class=\"grunion-field-label text\" >Au sujet de ce yacht : <\/label>\n<input\n\t\t\t\t\ttype='text'\n\t\t\t\t\tname='g129629-ausujetdeceyacht'\n\t\t\t\t\tid='g129629-ausujetdeceyacht'\n\t\t\t\t\tvalue=''\n\n\t\t\t\t\tdata-wp-bind--aria-invalid='state.fieldAriaInvalid'\n\t\t\t\t\tdata-wp-bind--value='state.getFieldValue'\n\t\t\t\t\taria-describedby='g129629-ausujetdeceyacht-text-error-message'\n\t\t\t\t\tdata-wp-on--input='actions.onFieldChange'\n\t\t\t\t\tdata-wp-on--blur='actions.onFieldBlur'\n\t\t\t\t\tdata-wp-class--has-value='state.hasFieldValue'\n\n\t\t\t\t\tclass='text  grunion-field' \n\t\t\t\t\t \/>\n \n\t\t\t<div id=\"g129629-ausujetdeceyacht-text-error\" class=\"contact-form__input-error\" data-wp-class--has-errors=\"state.fieldHasErrors\">\n\t\t\t\t<span class=\"contact-form__warning-icon\" aria-hidden=\"true\">\n\t\t\t\t\t<svg width=\"16\" height=\"16\" viewBox=\"0 0 16 16\" fill=\"none\" xmlns=\"http:\/\/www.w3.org\/2000\/svg\">\n\t\t\t\t\t\t<path d=\"M8.50015 11.6402H7.50015V10.6402H8.50015V11.6402Z\" \/>\n\t\t\t\t\t\t<path d=\"M7.50015 9.64018H8.50015V6.30684H7.50015V9.64018Z\" \/>\n\t\t\t\t\t\t<path fill-rule=\"evenodd\" clip-rule=\"evenodd\" d=\"M6.98331 3.0947C7.42933 2.30177 8.57096 2.30177 9.01698 3.09469L13.8771 11.7349C14.3145 12.5126 13.7525 13.4735 12.8602 13.4735H3.14004C2.24774 13.4735 1.68575 12.5126 2.12321 11.7349L6.98331 3.0947ZM8.14541 3.58496C8.08169 3.47168 7.9186 3.47168 7.85488 3.58496L2.99478 12.2251C2.93229 12.3362 3.01257 12.4735 3.14004 12.4735H12.8602C12.9877 12.4735 13.068 12.3362 13.0055 12.2251L8.14541 3.58496Z\" \/>\n\t\t\t\t\t<\/svg>\n\t\t\t\t<\/span>\n\t\t\t\t<span data-wp-text=\"state.errorMessage\" id=\"g129629-ausujetdeceyacht-text-error-message\"><\/span>\n\t\t\t<\/div> \n\t<\/div>\n\n<div style=\"\"  data-wp-interactive=\"jetpack\/form\" data-wp-context='{\"fieldId\":\"g129629-message\",\"fieldType\":\"textarea\",\"fieldLabel\":\"Message\",\"fieldValue\":\"\",\"fieldPlaceholder\":\"\",\"fieldIsRequired\":\"\",\"fieldErrorMessage\":\"\",\"fieldExtra\":[],\"formHash\":\"55fa68627316f929ad75a52fa07e41fc9855d9c4\"}'  class='grunion-field-textarea-wrap grunion-field-wrap'  data-wp-init='callbacks.initializeField' data-wp-on--jetpack-form-reset='callbacks.initializeField' >\n<label\n\t\t\t\tfor='contact-form-comment-g129629-message' class=\"grunion-field-label textarea\" >Message<\/label>\n<textarea\n\t\t                style=''\n\t\t                name='g129629-message'\n\t\t                id='contact-form-comment-g129629-message'\n\t\t                rows='20'\n\t\t\t\t\t\tdata-wp-text='state.getFieldValue'\n\t\t\t\t\t\tdata-wp-on--input='actions.onFieldChange'\n\t\t\t\t\t\tdata-wp-on--blur='actions.onFieldBlur'\n\t\t\t\t\t\tdata-wp-class--has-value='state.hasFieldValue'\n\t\t\t\t\t\taria-describedby='g129629-message-textarea-error-message'\n\t\t\t\t\t\tdata-wp-bind--aria-invalid='state.fieldAriaInvalid'\n\t\t\t\t\t\tclass='textarea  grunion-field'  ><\/textarea>\n \n\t\t\t<div id=\"g129629-message-textarea-error\" class=\"contact-form__input-error\" data-wp-class--has-errors=\"state.fieldHasErrors\">\n\t\t\t\t<span class=\"contact-form__warning-icon\" aria-hidden=\"true\">\n\t\t\t\t\t<svg width=\"16\" height=\"16\" viewBox=\"0 0 16 16\" fill=\"none\" xmlns=\"http:\/\/www.w3.org\/2000\/svg\">\n\t\t\t\t\t\t<path d=\"M8.50015 11.6402H7.50015V10.6402H8.50015V11.6402Z\" \/>\n\t\t\t\t\t\t<path d=\"M7.50015 9.64018H8.50015V6.30684H7.50015V9.64018Z\" \/>\n\t\t\t\t\t\t<path fill-rule=\"evenodd\" clip-rule=\"evenodd\" d=\"M6.98331 3.0947C7.42933 2.30177 8.57096 2.30177 9.01698 3.09469L13.8771 11.7349C14.3145 12.5126 13.7525 13.4735 12.8602 13.4735H3.14004C2.24774 13.4735 1.68575 12.5126 2.12321 11.7349L6.98331 3.0947ZM8.14541 3.58496C8.08169 3.47168 7.9186 3.47168 7.85488 3.58496L2.99478 12.2251C2.93229 12.3362 3.01257 12.4735 3.14004 12.4735H12.8602C12.9877 12.4735 13.068 12.3362 13.0055 12.2251L8.14541 3.58496Z\" \/>\n\t\t\t\t\t<\/svg>\n\t\t\t\t<\/span>\n\t\t\t\t<span data-wp-text=\"state.errorMessage\" id=\"g129629-message-textarea-error-message\"><\/span>\n\t\t\t<\/div>\n\t<\/div>\n\t<p class='contact-submit'>\n<div class=\"contact-form__error\" data-wp-class--show-errors=\"state.showFormErrors\"><span class=\"contact-form__warning-icon\" aria-hidden=\"true\"><i><\/i><\/span><span class=\"contact-form__error-message\" tabindex=\"-1\" data-wp-watch=\"callbacks.focusOnValidationError\" data-wp-text=\"state.getFormErrorMessage\"><\/span><ul aria-label=\"Erreurs de formulaire\">\n\t\t\t\t<template data-wp-each=\"state.getErrorList\" data-wp-key=\"context.item.id\">\n\t\t\t\t\t<li><a data-wp-bind--href=\"context.item.anchor\" data-wp-on--click=\"actions.scrollIntoView\" data-wp-text=\"context.item.label\"><\/a><\/li>\n\t\t\t\t<\/template>\n\t\t\t\t<\/ul><\/div><div class=\"contact-form__error\" data-wp-class--show-errors=\"state.showSubmissionError\" data-wp-text=\"context.submissionError\" tabindex=\"-1\" data-wp-watch=\"callbacks.focusOnSubmissionError\"><\/div>\t\t<button type='submit' class='pushbutton-wide'>Envoyer<\/button>\t\t<input type='hidden' name='contact-form-id' value='129629' \/>\n\t\t<input type='hidden' name='action' value='grunion-contact-form' \/>\n\t\t<input type='hidden' name='contact-form-hash' value='55fa68627316f929ad75a52fa07e41fc9855d9c4' \/>\n\t<\/p>\n<p style=\"display: none !important;\" class=\"akismet-fields-container\" data-prefix=\"ak_\"><label>&#916;<textarea name=\"ak_hp_textarea\" cols=\"45\" rows=\"8\" maxlength=\"100\"><\/textarea><\/label><input type=\"hidden\" id=\"ak_js_1\" name=\"ak_js\" value=\"15\"\/><script type=\"text\/javascript\">\n\/* <![CDATA[ *\/\ndocument.getElementById( \"ak_js_1\" ).setAttribute( \"value\", ( new Date() ).getTime() );\n\/* ]]> *\/\n<\/script>\n<\/p><\/form>\n<\/div>\n<p>&nbsp;<\/p>\n<p>&nbsp;<\/p>\n","protected":false},"excerpt":{"rendered":"<p>Ferretti 850 Flybridge 2020 $5,680,000 usd \u00e0 vendre Luxe, puissance et style se conjuguent dans un mod\u00e8le aux lignes dynamiques et fluides qui s\u00e9duisent le regard. Tel un penthouse entour\u00e9 par la mer, ce magnifique flybridge offre des espaces lumineux et a\u00e9r\u00e9s, \u00e9l\u00e9gamment meubl\u00e9s avec un design raffin\u00e9. Avec des espaces ext\u00e9rieurs offrant tout le &hellip; <a href=\"https:\/\/itayachtscanada.com\/fr\/listing\/ferretti-850-flybridge-2019-6600000-usd-for-sale\/\" class=\"more-link\">Lire la suite <span class=\"screen-reader-text\">Ferretti 850 Flybridge 2020 $5,680,000 usd \u00e0 vendre<\/span> <span class=\"meta-nav\">&rarr;<\/span><\/a><\/p>\n","protected":false},"author":119081455,"featured_media":129634,"parent":0,"menu_order":0,"comment_status":"open","ping_status":"open","template":"","format":"standard","meta":{"_coblocks_attr":"","_coblocks_dimensions":"","_coblocks_responsive_height":"","_coblocks_accordion_ie_support":"","_lmt_disableupdate":"no","_lmt_disable":"no","advanced_seo_description":"","jetpack_seo_html_title":"","jetpack_seo_noindex":false,"footnotes":""},"manufacturer":[6434],"prix":[7576],"years":[6379],"length_feet":[6590],"boat_type":[6464],"price_range":[6582],"localisations":[6895],"numyacht":[8785,10113,10816,10516],"datevente":[10394,10515,10631,10811,11087,11210,11315],"country":[10756],"states":[10815],"city":[10817],"fresh-water-boat":[10809],"broker":[11316],"migration":[10888],"class_list":["post-129629","listing","type-listing","status-publish","format-standard","has-post-thumbnail","hentry","manufacturer-ferretti","prix-7576","years-6379","length_feet-between-80-and-89-feets","boat_type-flybridge","price_range-5000000-6999999","localisations-canada","numyacht-8785","numyacht-10113","numyacht-10816","numyacht-10516","datevente-2025-05-20","datevente-2025-07-15","datevente-2025-09-10","datevente-2025-11-06","datevente-2026-01-03","datevente-2026-03-03","datevente-2026-04-28","country-canada","states-colombie-britannique","city-vancouver","fresh-water-boat-non","broker-mltyacht","migration-non"],"translation":{"provider":"WPGlobus","version":"2.12.2","language":"fr","enabled_languages":["en","fr"],"languages":{"en":{"title":true,"content":true,"excerpt":false},"fr":{"title":true,"content":true,"excerpt":false}}},"jetpack_likes_enabled":true,"jetpack_sharing_enabled":true,"_links":{"self":[{"href":"https:\/\/itayachtscanada.com\/fr\/wp-json\/wp\/v2\/listing\/129629","targetHints":{"allow":["GET"]}}],"collection":[{"href":"https:\/\/itayachtscanada.com\/fr\/wp-json\/wp\/v2\/listing"}],"about":[{"href":"https:\/\/itayachtscanada.com\/fr\/wp-json\/wp\/v2\/types\/listing"}],"author":[{"embeddable":true,"href":"https:\/\/itayachtscanada.com\/fr\/wp-json\/wp\/v2\/users\/119081455"}],"replies":[{"embeddable":true,"href":"https:\/\/itayachtscanada.com\/fr\/wp-json\/wp\/v2\/comments?post=129629"}],"version-history":[{"count":29,"href":"https:\/\/itayachtscanada.com\/fr\/wp-json\/wp\/v2\/listing\/129629\/revisions"}],"predecessor-version":[{"id":301490,"href":"https:\/\/itayachtscanada.com\/fr\/wp-json\/wp\/v2\/listing\/129629\/revisions\/301490"}],"wp:featuredmedia":[{"embeddable":true,"href":"https:\/\/itayachtscanada.com\/fr\/wp-json\/wp\/v2\/media\/129634"}],"wp:attachment":[{"href":"https:\/\/itayachtscanada.com\/fr\/wp-json\/wp\/v2\/media?parent=129629"}],"wp:term":[{"taxonomy":"manufacturer","embeddable":true,"href":"https:\/\/itayachtscanada.com\/fr\/wp-json\/wp\/v2\/manufacturer?post=129629"},{"taxonomy":"prix","embeddable":true,"href":"https:\/\/itayachtscanada.com\/fr\/wp-json\/wp\/v2\/prix?post=129629"},{"taxonomy":"years","embeddable":true,"href":"https:\/\/itayachtscanada.com\/fr\/wp-json\/wp\/v2\/years?post=129629"},{"taxonomy":"length_feet","embeddable":true,"href":"https:\/\/itayachtscanada.com\/fr\/wp-json\/wp\/v2\/length_feet?post=129629"},{"taxonomy":"boat_type","embeddable":true,"href":"https:\/\/itayachtscanada.com\/fr\/wp-json\/wp\/v2\/boat_type?post=129629"},{"taxonomy":"price_range","embeddable":true,"href":"https:\/\/itayachtscanada.com\/fr\/wp-json\/wp\/v2\/price_range?post=129629"},{"taxonomy":"localisations","embeddable":true,"href":"https:\/\/itayachtscanada.com\/fr\/wp-json\/wp\/v2\/localisations?post=129629"},{"taxonomy":"numyacht","embeddable":true,"href":"https:\/\/itayachtscanada.com\/fr\/wp-json\/wp\/v2\/numyacht?post=129629"},{"taxonomy":"datevente","embeddable":true,"href":"https:\/\/itayachtscanada.com\/fr\/wp-json\/wp\/v2\/datevente?post=129629"},{"taxonomy":"country","embeddable":true,"href":"https:\/\/itayachtscanada.com\/fr\/wp-json\/wp\/v2\/country?post=129629"},{"taxonomy":"states","embeddable":true,"href":"https:\/\/itayachtscanada.com\/fr\/wp-json\/wp\/v2\/states?post=129629"},{"taxonomy":"city","embeddable":true,"href":"https:\/\/itayachtscanada.com\/fr\/wp-json\/wp\/v2\/city?post=129629"},{"taxonomy":"fresh-water-boat","embeddable":true,"href":"https:\/\/itayachtscanada.com\/fr\/wp-json\/wp\/v2\/fresh-water-boat?post=129629"},{"taxonomy":"broker","embeddable":true,"href":"https:\/\/itayachtscanada.com\/fr\/wp-json\/wp\/v2\/broker?post=129629"},{"taxonomy":"migration","embeddable":true,"href":"https:\/\/itayachtscanada.com\/fr\/wp-json\/wp\/v2\/migration?post=129629"}],"curies":[{"name":"wp","href":"https:\/\/api.w.org\/{rel}","templated":true}]}}