{"id":114569,"date":"2023-05-20T10:03:36","date_gmt":"2023-05-20T14:03:36","guid":{"rendered":"https:\/\/itayachtscanada.com\/?post_type=listing&#038;p=114569"},"modified":"2026-04-18T10:50:03","modified_gmt":"2026-04-18T14:50:03","slug":"ferretti-780-flybridge-2019-4249000-usd-for-sale","status":"publish","type":"listing","link":"https:\/\/itayachtscanada.com\/fr\/listing\/ferretti-780-flybridge-2019-4249000-usd-for-sale\/","title":{"rendered":"Ferretti 780 Flybridge 2019 $3,795,000 usd \u00e0 vendre"},"content":{"rendered":"<p><strong>VENDU<\/strong><\/p>\n<p>&nbsp;<\/p>\n<p><strong>Ferretti 780 Flybridge 2019 $3,795,000 usd \u00e0 vendre<\/strong><\/p>\n<p>L&rsquo;harmonie des volumes int\u00e9rieurs et ext\u00e9rieurs cr\u00e9e une ambiance parfaite pour tous les types de croisi\u00e8re. Le confort, la s\u00e9r\u00e9nit\u00e9 et la s\u00e9curit\u00e9 en mer sont les caract\u00e9ristiques d&rsquo;un nouveau concept de navire au design a\u00e9rodynamique agr\u00e9able. V\u00e9ritable leader en mati\u00e8re de style, c&rsquo;est un yacht qui permet de profiter pleinement de la mer.<\/p>\n<p>Le propri\u00e9taire a apport\u00e9 un soin m\u00e9ticuleux \u00e0 ce bateau qui a \u00e9galement b\u00e9n\u00e9fici\u00e9 d&rsquo;un capitaine \u00e0 plein temps. Sans un changement de plan, ce yacht ne serait pas disponible. Il est cl\u00e9 en main et pr\u00eat \u00e0 accueillir son nouveau propri\u00e9taire !<\/p>\n<p>Pr\u00e9sentation<br \/>\nL&rsquo;harmonie des volumes int\u00e9rieurs et ext\u00e9rieurs cr\u00e9e l&rsquo;ambiance parfaite pour tous les types de croisi\u00e8re. Le confort, l&rsquo;\u00e9quilibre et la s\u00e9curit\u00e9 en mer sont les caract\u00e9ristiques d&rsquo;un nouveau concept de navire au design a\u00e9rodynamique agr\u00e9able. V\u00e9ritable leader en mati\u00e8re de style, c&rsquo;est un yacht qui permet de profiter pleinement de la mer. L&rsquo;\u00e9volution est le mot d&rsquo;ordre qui sous-tend la vision du design de Ferretti Yachts. Cette qu\u00eate constante est aliment\u00e9e par l&rsquo;expertise nautique et l&rsquo;inspiration inventive pour fabriquer des yachts qui r\u00e9pondent \u00e0 tous les d\u00e9sirs des propri\u00e9taires en mati\u00e8re de confort, de style, de navigabilit\u00e9 et de s\u00e9curit\u00e9 sur les vagues. Cette philosophie transpara\u00eet dans le design fluide des lignes sportives et dans les int\u00e9rieurs sophistiqu\u00e9s et confortables, embl\u00e8mes d&rsquo;une \u00e9l\u00e9gance intemporelle. Une nouvelle avanc\u00e9e majeure \u00e0 l&rsquo;arri\u00e8re offre la possibilit\u00e9 d&rsquo;un v\u00e9ritable beach club, gr\u00e2ce au nouveau syst\u00e8me d&rsquo;ouverture des portes qui transforme l&rsquo;espace en une d\u00e9licieuse zone de d\u00e9tente au bord de l&rsquo;eau.<\/p>\n<h3>Ce FERRETTI 780 FLYBRIDGE est situ\u00e9 en Floride, veuillez nous contacter au 514-521-1221 pour tous les d\u00e9tails concernant ce Ferretti Yachts 780 Fly, notre bureau est situ\u00e9 dans la grande r\u00e9gion de Montr\u00e9al.<\/h3>\n<p><a href=\"https:\/\/itayachtscanada.com\/fr\/virtuals_visits\/ferretti-yacht-780\/\">Cliquez ici<\/a> pour une visite virtuelle du Ferretti 780 Fly.<\/p>\n<p>Dimensions du bateau<br \/>\nLongueur hors tout : 78 pi<br \/>\nLargeur : 19 pi<br \/>\nTirant d&rsquo;eau maximum : 6 pi 4 po<br \/>\nPoids<br \/>\nD\u00e9placement : 143299 lb \u00e0 pleine charge<br \/>\nVitesse de croisi\u00e8re<br \/>\nVitesse de croisi\u00e8re : 27 n\u0153uds en r\u00e9gime \u00e9tabli<br \/>\nVitesse \u00e0 la coque : 30 kn \u00e0 tr\/min<br \/>\nR\u00e9servoirs<br \/>\nCarburant : (1321 gal)<br \/>\nEau douce : (277 gal)<br \/>\nH\u00e9bergement<br \/>\nCabines : 4 + 2<br \/>\nSalles de bain : 4 + 2<\/p>\n<p>MOTEURS (heures = 1205) :<br \/>\n2019 MAN V-12 (Moteur 1)<br \/>\nType de moteur : Inboard<br \/>\nType de carburant : Diesel<br \/>\nPuissance : 1550 hp<\/p>\n<p>2019 MAN V-12 (moteur 2)<br \/>\nType de moteur : Inboard<br \/>\nType de carburant : Diesel<br \/>\nPuissance : 1550 hp<\/p>\n<div>\n<div class=\"html-content-description\">\n<div class=\"content-box\">\n<div class=\"column-container cols-3\">\n<div class=\"column\">\n<div class=\"column-item\">\n<div>\n<div class=\"content-box\">\n<div class=\"column-container cols-3\">\n<div class=\"column\">\n<div class=\"column-item\">\n<div><\/div>\n<div>\n<div class=\"tiled-gallery type-rectangular tiled-gallery-unresized\" data-original-width=\"700\" data-carousel-extra='{&quot;blog_id&quot;:1,&quot;permalink&quot;:&quot;https:\\\/\\\/itayachtscanada.com\\\/fr\\\/listing\\\/ferretti-780-flybridge-2019-4249000-usd-for-sale\\\/&quot;,&quot;likes_blog_id&quot;:198557287}' itemscope itemtype=\"http:\/\/schema.org\/ImageGallery\" > <div class=\"gallery-row\" style=\"width: 700px; height: 318px;\" data-original-width=\"700\" data-original-height=\"318\" > <div class=\"gallery-group images-1\" style=\"width: 422px; height: 318px;\" data-original-width=\"422\" data-original-height=\"318\" > <div class=\"tiled-gallery-item tiled-gallery-item-large\" itemprop=\"associatedMedia\" itemscope itemtype=\"http:\/\/schema.org\/ImageObject\"> <a href=\"https:\/\/itayachtscanada.com\/fr\/listing\/ferretti-780-flybridge-2019-4249000-usd-for-sale\/capture-decran-le-2023-05-20-a-09-38-58\/\" border=\"0\" itemprop=\"url\"> <meta itemprop=\"width\" content=\"418\"> <meta itemprop=\"height\" content=\"314\"> <img decoding=\"async\" class=\"\" data-attachment-id=\"114578\" data-orig-file=\"https:\/\/itayachtscanada.com\/wp-content\/uploads\/2023\/05\/Capture-decran-le-2023-05-20-a-09.38.58.png\" data-orig-size=\"816,612\" data-comments-opened=\"1\" data-image-meta=\"{&quot;aperture&quot;:&quot;0&quot;,&quot;credit&quot;:&quot;&quot;,&quot;camera&quot;:&quot;&quot;,&quot;caption&quot;:&quot;&quot;,&quot;created_timestamp&quot;:&quot;0&quot;,&quot;copyright&quot;:&quot;&quot;,&quot;focal_length&quot;:&quot;0&quot;,&quot;iso&quot;:&quot;0&quot;,&quot;shutter_speed&quot;:&quot;0&quot;,&quot;title&quot;:&quot;&quot;,&quot;orientation&quot;:&quot;0&quot;}\" data-image-title=\"Capture d\u2019\u00e9cran, le 2023-05-20 \u00e0 09.38.58\" data-image-description=\"\" data-medium-file=\"https:\/\/i0.wp.com\/itayachtscanada.com\/wp-content\/uploads\/2023\/05\/Capture-decran-le-2023-05-20-a-09.38.58.png?fit=300%2C225&#038;ssl=1\" data-large-file=\"https:\/\/i0.wp.com\/itayachtscanada.com\/wp-content\/uploads\/2023\/05\/Capture-decran-le-2023-05-20-a-09.38.58.png?fit=700%2C525&#038;ssl=1\" src=\"https:\/\/i0.wp.com\/itayachtscanada.com\/wp-content\/uploads\/2023\/05\/Capture-decran-le-2023-05-20-a-09.38.58.png?w=418&#038;h=314&#038;ssl=1\" srcset=\"https:\/\/i0.wp.com\/itayachtscanada.com\/wp-content\/uploads\/2023\/05\/Capture-decran-le-2023-05-20-a-09.38.58.png?w=816&amp;ssl=1 816w, https:\/\/i0.wp.com\/itayachtscanada.com\/wp-content\/uploads\/2023\/05\/Capture-decran-le-2023-05-20-a-09.38.58.png?resize=300%2C225&amp;ssl=1 300w, https:\/\/i0.wp.com\/itayachtscanada.com\/wp-content\/uploads\/2023\/05\/Capture-decran-le-2023-05-20-a-09.38.58.png?resize=768%2C576&amp;ssl=1 768w, https:\/\/i0.wp.com\/itayachtscanada.com\/wp-content\/uploads\/2023\/05\/Capture-decran-le-2023-05-20-a-09.38.58.png?resize=800%2C600&amp;ssl=1 800w, https:\/\/i0.wp.com\/itayachtscanada.com\/wp-content\/uploads\/2023\/05\/Capture-decran-le-2023-05-20-a-09.38.58.png?resize=400%2C300&amp;ssl=1 400w, https:\/\/i0.wp.com\/itayachtscanada.com\/wp-content\/uploads\/2023\/05\/Capture-decran-le-2023-05-20-a-09.38.58.png?resize=200%2C150&amp;ssl=1 200w, https:\/\/i0.wp.com\/itayachtscanada.com\/wp-content\/uploads\/2023\/05\/Capture-decran-le-2023-05-20-a-09.38.58.png?resize=700%2C525&amp;ssl=1 700w, https:\/\/i0.wp.com\/itayachtscanada.com\/wp-content\/uploads\/2023\/05\/Capture-decran-le-2023-05-20-a-09.38.58.png?resize=533%2C400&amp;ssl=1 533w\" width=\"418\" height=\"314\" loading=\"lazy\" data-original-width=\"418\" data-original-height=\"314\" itemprop=\"http:\/\/schema.org\/image\" title=\"Capture d\u2019\u00e9cran, le 2023-05-20 \u00e0 09.38.58\" alt=\"Capture d\u2019\u00e9cran, le 2023-05-20 \u00e0 09.38.58\" style=\"width: 418px; height: 314px;\" \/> <\/a> <\/div> <\/div> <!-- close group --> <div class=\"gallery-group images-2\" style=\"width: 278px; height: 318px;\" data-original-width=\"278\" data-original-height=\"318\" > <div class=\"tiled-gallery-item tiled-gallery-item-large\" itemprop=\"associatedMedia\" itemscope itemtype=\"http:\/\/schema.org\/ImageObject\"> <a href=\"https:\/\/itayachtscanada.com\/fr\/listing\/ferretti-780-flybridge-2019-4249000-usd-for-sale\/capture-decran-le-2023-05-20-a-09-39-10\/\" border=\"0\" itemprop=\"url\"> <meta itemprop=\"width\" content=\"274\"> <meta itemprop=\"height\" content=\"167\"> <img decoding=\"async\" class=\"\" data-attachment-id=\"114576\" data-orig-file=\"https:\/\/itayachtscanada.com\/wp-content\/uploads\/2023\/05\/Capture-decran-le-2023-05-20-a-09.39.10.png\" data-orig-size=\"874,532\" data-comments-opened=\"1\" data-image-meta=\"{&quot;aperture&quot;:&quot;0&quot;,&quot;credit&quot;:&quot;&quot;,&quot;camera&quot;:&quot;&quot;,&quot;caption&quot;:&quot;&quot;,&quot;created_timestamp&quot;:&quot;0&quot;,&quot;copyright&quot;:&quot;&quot;,&quot;focal_length&quot;:&quot;0&quot;,&quot;iso&quot;:&quot;0&quot;,&quot;shutter_speed&quot;:&quot;0&quot;,&quot;title&quot;:&quot;&quot;,&quot;orientation&quot;:&quot;0&quot;}\" data-image-title=\"Capture d\u2019\u00e9cran, le 2023-05-20 \u00e0 09.39.10\" data-image-description=\"\" data-medium-file=\"https:\/\/i0.wp.com\/itayachtscanada.com\/wp-content\/uploads\/2023\/05\/Capture-decran-le-2023-05-20-a-09.39.10.png?fit=300%2C183&#038;ssl=1\" data-large-file=\"https:\/\/i0.wp.com\/itayachtscanada.com\/wp-content\/uploads\/2023\/05\/Capture-decran-le-2023-05-20-a-09.39.10.png?fit=700%2C426&#038;ssl=1\" src=\"https:\/\/i0.wp.com\/itayachtscanada.com\/wp-content\/uploads\/2023\/05\/Capture-decran-le-2023-05-20-a-09.39.10.png?w=274&#038;h=167&#038;ssl=1\" srcset=\"https:\/\/i0.wp.com\/itayachtscanada.com\/wp-content\/uploads\/2023\/05\/Capture-decran-le-2023-05-20-a-09.39.10.png?w=874&amp;ssl=1 874w, https:\/\/i0.wp.com\/itayachtscanada.com\/wp-content\/uploads\/2023\/05\/Capture-decran-le-2023-05-20-a-09.39.10.png?resize=300%2C183&amp;ssl=1 300w, https:\/\/i0.wp.com\/itayachtscanada.com\/wp-content\/uploads\/2023\/05\/Capture-decran-le-2023-05-20-a-09.39.10.png?resize=768%2C467&amp;ssl=1 768w, https:\/\/i0.wp.com\/itayachtscanada.com\/wp-content\/uploads\/2023\/05\/Capture-decran-le-2023-05-20-a-09.39.10.png?resize=700%2C426&amp;ssl=1 700w, https:\/\/i0.wp.com\/itayachtscanada.com\/wp-content\/uploads\/2023\/05\/Capture-decran-le-2023-05-20-a-09.39.10.png?resize=657%2C400&amp;ssl=1 657w\" width=\"274\" height=\"167\" loading=\"lazy\" data-original-width=\"274\" data-original-height=\"167\" itemprop=\"http:\/\/schema.org\/image\" title=\"Capture d\u2019\u00e9cran, le 2023-05-20 \u00e0 09.39.10\" alt=\"Capture d\u2019\u00e9cran, le 2023-05-20 \u00e0 09.39.10\" style=\"width: 274px; height: 167px;\" \/> <\/a> <\/div> <div class=\"tiled-gallery-item tiled-gallery-item-large\" itemprop=\"associatedMedia\" itemscope itemtype=\"http:\/\/schema.org\/ImageObject\"> <a href=\"https:\/\/itayachtscanada.com\/fr\/listing\/ferretti-780-flybridge-2019-4249000-usd-for-sale\/capture-decran-le-2023-05-20-a-09-38-47\/\" border=\"0\" itemprop=\"url\"> <meta itemprop=\"width\" content=\"274\"> <meta itemprop=\"height\" content=\"143\"> <img decoding=\"async\" class=\"\" data-attachment-id=\"114579\" data-orig-file=\"https:\/\/itayachtscanada.com\/wp-content\/uploads\/2023\/05\/Capture-decran-le-2023-05-20-a-09.38.47.png\" data-orig-size=\"824,432\" data-comments-opened=\"1\" data-image-meta=\"{&quot;aperture&quot;:&quot;0&quot;,&quot;credit&quot;:&quot;&quot;,&quot;camera&quot;:&quot;&quot;,&quot;caption&quot;:&quot;&quot;,&quot;created_timestamp&quot;:&quot;0&quot;,&quot;copyright&quot;:&quot;&quot;,&quot;focal_length&quot;:&quot;0&quot;,&quot;iso&quot;:&quot;0&quot;,&quot;shutter_speed&quot;:&quot;0&quot;,&quot;title&quot;:&quot;&quot;,&quot;orientation&quot;:&quot;0&quot;}\" data-image-title=\"Capture d\u2019\u00e9cran, le 2023-05-20 \u00e0 09.38.47\" data-image-description=\"\" data-medium-file=\"https:\/\/i0.wp.com\/itayachtscanada.com\/wp-content\/uploads\/2023\/05\/Capture-decran-le-2023-05-20-a-09.38.47.png?fit=300%2C157&#038;ssl=1\" data-large-file=\"https:\/\/i0.wp.com\/itayachtscanada.com\/wp-content\/uploads\/2023\/05\/Capture-decran-le-2023-05-20-a-09.38.47.png?fit=700%2C367&#038;ssl=1\" src=\"https:\/\/i0.wp.com\/itayachtscanada.com\/wp-content\/uploads\/2023\/05\/Capture-decran-le-2023-05-20-a-09.38.47.png?w=274&#038;h=143&#038;ssl=1\" srcset=\"https:\/\/i0.wp.com\/itayachtscanada.com\/wp-content\/uploads\/2023\/05\/Capture-decran-le-2023-05-20-a-09.38.47.png?w=824&amp;ssl=1 824w, https:\/\/i0.wp.com\/itayachtscanada.com\/wp-content\/uploads\/2023\/05\/Capture-decran-le-2023-05-20-a-09.38.47.png?resize=300%2C157&amp;ssl=1 300w, https:\/\/i0.wp.com\/itayachtscanada.com\/wp-content\/uploads\/2023\/05\/Capture-decran-le-2023-05-20-a-09.38.47.png?resize=768%2C403&amp;ssl=1 768w, https:\/\/i0.wp.com\/itayachtscanada.com\/wp-content\/uploads\/2023\/05\/Capture-decran-le-2023-05-20-a-09.38.47.png?resize=700%2C367&amp;ssl=1 700w, https:\/\/i0.wp.com\/itayachtscanada.com\/wp-content\/uploads\/2023\/05\/Capture-decran-le-2023-05-20-a-09.38.47.png?resize=763%2C400&amp;ssl=1 763w\" width=\"274\" height=\"143\" loading=\"lazy\" data-original-width=\"274\" data-original-height=\"143\" itemprop=\"http:\/\/schema.org\/image\" title=\"Capture d\u2019\u00e9cran, le 2023-05-20 \u00e0 09.38.47\" alt=\"Capture d\u2019\u00e9cran, le 2023-05-20 \u00e0 09.38.47\" style=\"width: 274px; height: 143px;\" \/> <\/a> <\/div> <\/div> <!-- close group --> <\/div> <!-- close row --> <div class=\"gallery-row\" style=\"width: 700px; height: 308px;\" data-original-width=\"700\" data-original-height=\"308\" > <div class=\"gallery-group images-2\" style=\"width: 236px; height: 308px;\" data-original-width=\"236\" data-original-height=\"308\" > <div class=\"tiled-gallery-item tiled-gallery-item-small\" itemprop=\"associatedMedia\" itemscope itemtype=\"http:\/\/schema.org\/ImageObject\"> <a href=\"https:\/\/itayachtscanada.com\/fr\/listing\/ferretti-780-flybridge-2019-4249000-usd-for-sale\/capture-decran-le-2023-05-20-a-09-38-35\/\" border=\"0\" itemprop=\"url\"> <meta itemprop=\"width\" content=\"232\"> <meta itemprop=\"height\" content=\"133\"> <img decoding=\"async\" class=\"\" data-attachment-id=\"114580\" data-orig-file=\"https:\/\/itayachtscanada.com\/wp-content\/uploads\/2023\/05\/Capture-decran-le-2023-05-20-a-09.38.35.png\" data-orig-size=\"922,530\" data-comments-opened=\"1\" data-image-meta=\"{&quot;aperture&quot;:&quot;0&quot;,&quot;credit&quot;:&quot;&quot;,&quot;camera&quot;:&quot;&quot;,&quot;caption&quot;:&quot;&quot;,&quot;created_timestamp&quot;:&quot;0&quot;,&quot;copyright&quot;:&quot;&quot;,&quot;focal_length&quot;:&quot;0&quot;,&quot;iso&quot;:&quot;0&quot;,&quot;shutter_speed&quot;:&quot;0&quot;,&quot;title&quot;:&quot;&quot;,&quot;orientation&quot;:&quot;0&quot;}\" data-image-title=\"Capture d\u2019\u00e9cran, le 2023-05-20 \u00e0 09.38.35\" data-image-description=\"\" data-medium-file=\"https:\/\/i0.wp.com\/itayachtscanada.com\/wp-content\/uploads\/2023\/05\/Capture-decran-le-2023-05-20-a-09.38.35.png?fit=300%2C172&#038;ssl=1\" data-large-file=\"https:\/\/i0.wp.com\/itayachtscanada.com\/wp-content\/uploads\/2023\/05\/Capture-decran-le-2023-05-20-a-09.38.35.png?fit=700%2C402&#038;ssl=1\" src=\"https:\/\/i0.wp.com\/itayachtscanada.com\/wp-content\/uploads\/2023\/05\/Capture-decran-le-2023-05-20-a-09.38.35.png?w=232&#038;h=133&#038;ssl=1\" srcset=\"https:\/\/i0.wp.com\/itayachtscanada.com\/wp-content\/uploads\/2023\/05\/Capture-decran-le-2023-05-20-a-09.38.35.png?w=922&amp;ssl=1 922w, https:\/\/i0.wp.com\/itayachtscanada.com\/wp-content\/uploads\/2023\/05\/Capture-decran-le-2023-05-20-a-09.38.35.png?resize=300%2C172&amp;ssl=1 300w, https:\/\/i0.wp.com\/itayachtscanada.com\/wp-content\/uploads\/2023\/05\/Capture-decran-le-2023-05-20-a-09.38.35.png?resize=768%2C441&amp;ssl=1 768w, https:\/\/i0.wp.com\/itayachtscanada.com\/wp-content\/uploads\/2023\/05\/Capture-decran-le-2023-05-20-a-09.38.35.png?resize=700%2C402&amp;ssl=1 700w, https:\/\/i0.wp.com\/itayachtscanada.com\/wp-content\/uploads\/2023\/05\/Capture-decran-le-2023-05-20-a-09.38.35.png?resize=696%2C400&amp;ssl=1 696w\" width=\"232\" height=\"133\" loading=\"lazy\" data-original-width=\"232\" data-original-height=\"133\" itemprop=\"http:\/\/schema.org\/image\" title=\"Capture d\u2019\u00e9cran, le 2023-05-20 \u00e0 09.38.35\" alt=\"Capture d\u2019\u00e9cran, le 2023-05-20 \u00e0 09.38.35\" style=\"width: 232px; height: 133px;\" \/> <\/a> <\/div> <div class=\"tiled-gallery-item tiled-gallery-item-small\" itemprop=\"associatedMedia\" itemscope itemtype=\"http:\/\/schema.org\/ImageObject\"> <a href=\"https:\/\/itayachtscanada.com\/fr\/listing\/ferretti-780-flybridge-2019-4249000-usd-for-sale\/capture-decran-le-2023-05-20-a-09-39-20\/\" border=\"0\" itemprop=\"url\"> <meta itemprop=\"width\" content=\"232\"> <meta itemprop=\"height\" content=\"167\"> <img decoding=\"async\" class=\"\" data-attachment-id=\"114575\" data-orig-file=\"https:\/\/itayachtscanada.com\/wp-content\/uploads\/2023\/05\/Capture-decran-le-2023-05-20-a-09.39.20.png\" data-orig-size=\"852,614\" data-comments-opened=\"1\" data-image-meta=\"{&quot;aperture&quot;:&quot;0&quot;,&quot;credit&quot;:&quot;&quot;,&quot;camera&quot;:&quot;&quot;,&quot;caption&quot;:&quot;&quot;,&quot;created_timestamp&quot;:&quot;0&quot;,&quot;copyright&quot;:&quot;&quot;,&quot;focal_length&quot;:&quot;0&quot;,&quot;iso&quot;:&quot;0&quot;,&quot;shutter_speed&quot;:&quot;0&quot;,&quot;title&quot;:&quot;&quot;,&quot;orientation&quot;:&quot;0&quot;}\" data-image-title=\"Capture d\u2019\u00e9cran, le 2023-05-20 \u00e0 09.39.20\" data-image-description=\"\" data-medium-file=\"https:\/\/i0.wp.com\/itayachtscanada.com\/wp-content\/uploads\/2023\/05\/Capture-decran-le-2023-05-20-a-09.39.20.png?fit=300%2C216&#038;ssl=1\" data-large-file=\"https:\/\/i0.wp.com\/itayachtscanada.com\/wp-content\/uploads\/2023\/05\/Capture-decran-le-2023-05-20-a-09.39.20.png?fit=700%2C504&#038;ssl=1\" src=\"https:\/\/i0.wp.com\/itayachtscanada.com\/wp-content\/uploads\/2023\/05\/Capture-decran-le-2023-05-20-a-09.39.20.png?w=232&#038;h=167&#038;ssl=1\" srcset=\"https:\/\/i0.wp.com\/itayachtscanada.com\/wp-content\/uploads\/2023\/05\/Capture-decran-le-2023-05-20-a-09.39.20.png?w=852&amp;ssl=1 852w, https:\/\/i0.wp.com\/itayachtscanada.com\/wp-content\/uploads\/2023\/05\/Capture-decran-le-2023-05-20-a-09.39.20.png?resize=300%2C216&amp;ssl=1 300w, https:\/\/i0.wp.com\/itayachtscanada.com\/wp-content\/uploads\/2023\/05\/Capture-decran-le-2023-05-20-a-09.39.20.png?resize=768%2C553&amp;ssl=1 768w, https:\/\/i0.wp.com\/itayachtscanada.com\/wp-content\/uploads\/2023\/05\/Capture-decran-le-2023-05-20-a-09.39.20.png?resize=700%2C504&amp;ssl=1 700w, https:\/\/i0.wp.com\/itayachtscanada.com\/wp-content\/uploads\/2023\/05\/Capture-decran-le-2023-05-20-a-09.39.20.png?resize=555%2C400&amp;ssl=1 555w\" width=\"232\" height=\"167\" loading=\"lazy\" data-original-width=\"232\" data-original-height=\"167\" itemprop=\"http:\/\/schema.org\/image\" title=\"Capture d\u2019\u00e9cran, le 2023-05-20 \u00e0 09.39.20\" alt=\"Capture d\u2019\u00e9cran, le 2023-05-20 \u00e0 09.39.20\" style=\"width: 232px; height: 167px;\" \/> <\/a> <\/div> <\/div> <!-- close group --> <div class=\"gallery-group images-1\" style=\"width: 464px; height: 308px;\" data-original-width=\"464\" data-original-height=\"308\" > <div class=\"tiled-gallery-item tiled-gallery-item-large\" itemprop=\"associatedMedia\" itemscope itemtype=\"http:\/\/schema.org\/ImageObject\"> <a href=\"https:\/\/itayachtscanada.com\/fr\/listing\/ferretti-780-flybridge-2019-4249000-usd-for-sale\/capture-decran-le-2023-05-20-a-09-37-43\/\" border=\"0\" itemprop=\"url\"> <meta itemprop=\"width\" content=\"460\"> <meta itemprop=\"height\" content=\"304\"> <img decoding=\"async\" class=\"\" data-attachment-id=\"114583\" data-orig-file=\"https:\/\/itayachtscanada.com\/wp-content\/uploads\/2023\/05\/Capture-decran-le-2023-05-20-a-09.37.43.png\" data-orig-size=\"964,638\" data-comments-opened=\"1\" data-image-meta=\"{&quot;aperture&quot;:&quot;0&quot;,&quot;credit&quot;:&quot;&quot;,&quot;camera&quot;:&quot;&quot;,&quot;caption&quot;:&quot;&quot;,&quot;created_timestamp&quot;:&quot;0&quot;,&quot;copyright&quot;:&quot;&quot;,&quot;focal_length&quot;:&quot;0&quot;,&quot;iso&quot;:&quot;0&quot;,&quot;shutter_speed&quot;:&quot;0&quot;,&quot;title&quot;:&quot;&quot;,&quot;orientation&quot;:&quot;0&quot;}\" data-image-title=\"Capture d\u2019\u00e9cran, le 2023-05-20 \u00e0 09.37.43\" data-image-description=\"\" data-medium-file=\"https:\/\/i0.wp.com\/itayachtscanada.com\/wp-content\/uploads\/2023\/05\/Capture-decran-le-2023-05-20-a-09.37.43.png?fit=300%2C199&#038;ssl=1\" data-large-file=\"https:\/\/i0.wp.com\/itayachtscanada.com\/wp-content\/uploads\/2023\/05\/Capture-decran-le-2023-05-20-a-09.37.43.png?fit=700%2C463&#038;ssl=1\" src=\"https:\/\/i0.wp.com\/itayachtscanada.com\/wp-content\/uploads\/2023\/05\/Capture-decran-le-2023-05-20-a-09.37.43.png?w=460&#038;h=304&#038;ssl=1\" srcset=\"https:\/\/i0.wp.com\/itayachtscanada.com\/wp-content\/uploads\/2023\/05\/Capture-decran-le-2023-05-20-a-09.37.43.png?w=964&amp;ssl=1 964w, https:\/\/i0.wp.com\/itayachtscanada.com\/wp-content\/uploads\/2023\/05\/Capture-decran-le-2023-05-20-a-09.37.43.png?resize=300%2C199&amp;ssl=1 300w, https:\/\/i0.wp.com\/itayachtscanada.com\/wp-content\/uploads\/2023\/05\/Capture-decran-le-2023-05-20-a-09.37.43.png?resize=768%2C508&amp;ssl=1 768w, https:\/\/i0.wp.com\/itayachtscanada.com\/wp-content\/uploads\/2023\/05\/Capture-decran-le-2023-05-20-a-09.37.43.png?resize=700%2C463&amp;ssl=1 700w, https:\/\/i0.wp.com\/itayachtscanada.com\/wp-content\/uploads\/2023\/05\/Capture-decran-le-2023-05-20-a-09.37.43.png?resize=604%2C400&amp;ssl=1 604w\" width=\"460\" height=\"304\" loading=\"lazy\" data-original-width=\"460\" data-original-height=\"304\" itemprop=\"http:\/\/schema.org\/image\" title=\"Capture d\u2019\u00e9cran, le 2023-05-20 \u00e0 09.37.43\" alt=\"Capture d\u2019\u00e9cran, le 2023-05-20 \u00e0 09.37.43\" style=\"width: 460px; height: 304px;\" \/> <\/a> <\/div> <\/div> <!-- close group --> <\/div> <!-- close row --> <div class=\"gallery-row\" style=\"width: 700px; height: 156px;\" data-original-width=\"700\" data-original-height=\"156\" > <div class=\"gallery-group images-1\" style=\"width: 234px; height: 156px;\" data-original-width=\"234\" data-original-height=\"156\" > <div class=\"tiled-gallery-item tiled-gallery-item-small\" itemprop=\"associatedMedia\" itemscope itemtype=\"http:\/\/schema.org\/ImageObject\"> <a href=\"https:\/\/itayachtscanada.com\/fr\/listing\/ferretti-780-flybridge-2019-4249000-usd-for-sale\/capture-decran-le-2023-05-20-a-09-37-34\/\" border=\"0\" itemprop=\"url\"> <meta itemprop=\"width\" content=\"230\"> <meta itemprop=\"height\" content=\"152\"> <img decoding=\"async\" class=\"\" data-attachment-id=\"114586\" data-orig-file=\"https:\/\/itayachtscanada.com\/wp-content\/uploads\/2023\/05\/Capture-decran-le-2023-05-20-a-09.37.34.png\" data-orig-size=\"964,638\" data-comments-opened=\"1\" data-image-meta=\"{&quot;aperture&quot;:&quot;0&quot;,&quot;credit&quot;:&quot;&quot;,&quot;camera&quot;:&quot;&quot;,&quot;caption&quot;:&quot;&quot;,&quot;created_timestamp&quot;:&quot;0&quot;,&quot;copyright&quot;:&quot;&quot;,&quot;focal_length&quot;:&quot;0&quot;,&quot;iso&quot;:&quot;0&quot;,&quot;shutter_speed&quot;:&quot;0&quot;,&quot;title&quot;:&quot;&quot;,&quot;orientation&quot;:&quot;0&quot;}\" data-image-title=\"Capture d\u2019\u00e9cran, le 2023-05-20 \u00e0 09.37.34\" data-image-description=\"\" data-medium-file=\"https:\/\/i0.wp.com\/itayachtscanada.com\/wp-content\/uploads\/2023\/05\/Capture-decran-le-2023-05-20-a-09.37.34.png?fit=300%2C199&#038;ssl=1\" data-large-file=\"https:\/\/i0.wp.com\/itayachtscanada.com\/wp-content\/uploads\/2023\/05\/Capture-decran-le-2023-05-20-a-09.37.34.png?fit=700%2C463&#038;ssl=1\" src=\"https:\/\/i0.wp.com\/itayachtscanada.com\/wp-content\/uploads\/2023\/05\/Capture-decran-le-2023-05-20-a-09.37.34.png?w=230&#038;h=152&#038;ssl=1\" srcset=\"https:\/\/i0.wp.com\/itayachtscanada.com\/wp-content\/uploads\/2023\/05\/Capture-decran-le-2023-05-20-a-09.37.34.png?w=964&amp;ssl=1 964w, https:\/\/i0.wp.com\/itayachtscanada.com\/wp-content\/uploads\/2023\/05\/Capture-decran-le-2023-05-20-a-09.37.34.png?resize=300%2C199&amp;ssl=1 300w, https:\/\/i0.wp.com\/itayachtscanada.com\/wp-content\/uploads\/2023\/05\/Capture-decran-le-2023-05-20-a-09.37.34.png?resize=768%2C508&amp;ssl=1 768w, https:\/\/i0.wp.com\/itayachtscanada.com\/wp-content\/uploads\/2023\/05\/Capture-decran-le-2023-05-20-a-09.37.34.png?resize=700%2C463&amp;ssl=1 700w, https:\/\/i0.wp.com\/itayachtscanada.com\/wp-content\/uploads\/2023\/05\/Capture-decran-le-2023-05-20-a-09.37.34.png?resize=900%2C600&amp;ssl=1 900w, https:\/\/i0.wp.com\/itayachtscanada.com\/wp-content\/uploads\/2023\/05\/Capture-decran-le-2023-05-20-a-09.37.34.png?resize=604%2C400&amp;ssl=1 604w\" width=\"230\" height=\"152\" loading=\"lazy\" data-original-width=\"230\" data-original-height=\"152\" itemprop=\"http:\/\/schema.org\/image\" title=\"Capture d\u2019\u00e9cran, le 2023-05-20 \u00e0 09.37.34\" alt=\"Capture d\u2019\u00e9cran, le 2023-05-20 \u00e0 09.37.34\" style=\"width: 230px; height: 152px;\" \/> <\/a> <\/div> <\/div> <!-- close group --> <div class=\"gallery-group images-1\" style=\"width: 233px; height: 156px;\" data-original-width=\"233\" data-original-height=\"156\" > <div class=\"tiled-gallery-item tiled-gallery-item-small\" itemprop=\"associatedMedia\" itemscope itemtype=\"http:\/\/schema.org\/ImageObject\"> <a href=\"https:\/\/itayachtscanada.com\/fr\/listing\/ferretti-780-flybridge-2019-4249000-usd-for-sale\/capture-decran-le-2023-05-20-a-09-37-40\/\" border=\"0\" itemprop=\"url\"> <meta itemprop=\"width\" content=\"229\"> <meta itemprop=\"height\" content=\"152\"> <img decoding=\"async\" class=\"\" data-attachment-id=\"114584\" data-orig-file=\"https:\/\/itayachtscanada.com\/wp-content\/uploads\/2023\/05\/Capture-decran-le-2023-05-20-a-09.37.40.png\" data-orig-size=\"964,638\" data-comments-opened=\"1\" data-image-meta=\"{&quot;aperture&quot;:&quot;0&quot;,&quot;credit&quot;:&quot;&quot;,&quot;camera&quot;:&quot;&quot;,&quot;caption&quot;:&quot;&quot;,&quot;created_timestamp&quot;:&quot;0&quot;,&quot;copyright&quot;:&quot;&quot;,&quot;focal_length&quot;:&quot;0&quot;,&quot;iso&quot;:&quot;0&quot;,&quot;shutter_speed&quot;:&quot;0&quot;,&quot;title&quot;:&quot;&quot;,&quot;orientation&quot;:&quot;0&quot;}\" data-image-title=\"Capture d\u2019\u00e9cran, le 2023-05-20 \u00e0 09.37.40\" data-image-description=\"\" data-medium-file=\"https:\/\/i0.wp.com\/itayachtscanada.com\/wp-content\/uploads\/2023\/05\/Capture-decran-le-2023-05-20-a-09.37.40.png?fit=300%2C199&#038;ssl=1\" data-large-file=\"https:\/\/i0.wp.com\/itayachtscanada.com\/wp-content\/uploads\/2023\/05\/Capture-decran-le-2023-05-20-a-09.37.40.png?fit=700%2C463&#038;ssl=1\" src=\"https:\/\/i0.wp.com\/itayachtscanada.com\/wp-content\/uploads\/2023\/05\/Capture-decran-le-2023-05-20-a-09.37.40.png?w=229&#038;h=152&#038;ssl=1\" srcset=\"https:\/\/i0.wp.com\/itayachtscanada.com\/wp-content\/uploads\/2023\/05\/Capture-decran-le-2023-05-20-a-09.37.40.png?w=964&amp;ssl=1 964w, https:\/\/i0.wp.com\/itayachtscanada.com\/wp-content\/uploads\/2023\/05\/Capture-decran-le-2023-05-20-a-09.37.40.png?resize=300%2C199&amp;ssl=1 300w, https:\/\/i0.wp.com\/itayachtscanada.com\/wp-content\/uploads\/2023\/05\/Capture-decran-le-2023-05-20-a-09.37.40.png?resize=768%2C508&amp;ssl=1 768w, https:\/\/i0.wp.com\/itayachtscanada.com\/wp-content\/uploads\/2023\/05\/Capture-decran-le-2023-05-20-a-09.37.40.png?resize=700%2C463&amp;ssl=1 700w, https:\/\/i0.wp.com\/itayachtscanada.com\/wp-content\/uploads\/2023\/05\/Capture-decran-le-2023-05-20-a-09.37.40.png?resize=900%2C600&amp;ssl=1 900w, https:\/\/i0.wp.com\/itayachtscanada.com\/wp-content\/uploads\/2023\/05\/Capture-decran-le-2023-05-20-a-09.37.40.png?resize=604%2C400&amp;ssl=1 604w\" width=\"229\" height=\"152\" loading=\"lazy\" data-original-width=\"229\" data-original-height=\"152\" itemprop=\"http:\/\/schema.org\/image\" title=\"Capture d\u2019\u00e9cran, le 2023-05-20 \u00e0 09.37.40\" alt=\"Capture d\u2019\u00e9cran, le 2023-05-20 \u00e0 09.37.40\" style=\"width: 229px; height: 152px;\" \/> <\/a> <\/div> <\/div> <!-- close group --> <div class=\"gallery-group images-1\" style=\"width: 233px; height: 156px;\" data-original-width=\"233\" data-original-height=\"156\" > <div class=\"tiled-gallery-item tiled-gallery-item-small\" itemprop=\"associatedMedia\" itemscope itemtype=\"http:\/\/schema.org\/ImageObject\"> <a href=\"https:\/\/itayachtscanada.com\/fr\/listing\/ferretti-780-flybridge-2019-4249000-usd-for-sale\/capture-decran-le-2023-05-20-a-09-37-37\/\" border=\"0\" itemprop=\"url\"> <meta itemprop=\"width\" content=\"229\"> <meta itemprop=\"height\" content=\"152\"> <img decoding=\"async\" class=\"\" data-attachment-id=\"114585\" data-orig-file=\"https:\/\/itayachtscanada.com\/wp-content\/uploads\/2023\/05\/Capture-decran-le-2023-05-20-a-09.37.37.png\" data-orig-size=\"964,638\" data-comments-opened=\"1\" data-image-meta=\"{&quot;aperture&quot;:&quot;0&quot;,&quot;credit&quot;:&quot;&quot;,&quot;camera&quot;:&quot;&quot;,&quot;caption&quot;:&quot;&quot;,&quot;created_timestamp&quot;:&quot;0&quot;,&quot;copyright&quot;:&quot;&quot;,&quot;focal_length&quot;:&quot;0&quot;,&quot;iso&quot;:&quot;0&quot;,&quot;shutter_speed&quot;:&quot;0&quot;,&quot;title&quot;:&quot;&quot;,&quot;orientation&quot;:&quot;0&quot;}\" data-image-title=\"Capture d\u2019\u00e9cran, le 2023-05-20 \u00e0 09.37.37\" data-image-description=\"\" data-medium-file=\"https:\/\/i0.wp.com\/itayachtscanada.com\/wp-content\/uploads\/2023\/05\/Capture-decran-le-2023-05-20-a-09.37.37.png?fit=300%2C199&#038;ssl=1\" data-large-file=\"https:\/\/i0.wp.com\/itayachtscanada.com\/wp-content\/uploads\/2023\/05\/Capture-decran-le-2023-05-20-a-09.37.37.png?fit=700%2C463&#038;ssl=1\" src=\"https:\/\/i0.wp.com\/itayachtscanada.com\/wp-content\/uploads\/2023\/05\/Capture-decran-le-2023-05-20-a-09.37.37.png?w=229&#038;h=152&#038;ssl=1\" srcset=\"https:\/\/i0.wp.com\/itayachtscanada.com\/wp-content\/uploads\/2023\/05\/Capture-decran-le-2023-05-20-a-09.37.37.png?w=964&amp;ssl=1 964w, https:\/\/i0.wp.com\/itayachtscanada.com\/wp-content\/uploads\/2023\/05\/Capture-decran-le-2023-05-20-a-09.37.37.png?resize=300%2C199&amp;ssl=1 300w, https:\/\/i0.wp.com\/itayachtscanada.com\/wp-content\/uploads\/2023\/05\/Capture-decran-le-2023-05-20-a-09.37.37.png?resize=768%2C508&amp;ssl=1 768w, https:\/\/i0.wp.com\/itayachtscanada.com\/wp-content\/uploads\/2023\/05\/Capture-decran-le-2023-05-20-a-09.37.37.png?resize=700%2C463&amp;ssl=1 700w, https:\/\/i0.wp.com\/itayachtscanada.com\/wp-content\/uploads\/2023\/05\/Capture-decran-le-2023-05-20-a-09.37.37.png?resize=900%2C600&amp;ssl=1 900w, https:\/\/i0.wp.com\/itayachtscanada.com\/wp-content\/uploads\/2023\/05\/Capture-decran-le-2023-05-20-a-09.37.37.png?resize=604%2C400&amp;ssl=1 604w\" width=\"229\" height=\"152\" loading=\"lazy\" data-original-width=\"229\" data-original-height=\"152\" itemprop=\"http:\/\/schema.org\/image\" title=\"Capture d\u2019\u00e9cran, le 2023-05-20 \u00e0 09.37.37\" alt=\"Capture d\u2019\u00e9cran, le 2023-05-20 \u00e0 09.37.37\" style=\"width: 229px; height: 152px;\" \/> <\/a> <\/div> <\/div> <!-- close group --> <\/div> <!-- close row --> <div class=\"gallery-row\" style=\"width: 700px; height: 319px;\" data-original-width=\"700\" data-original-height=\"319\" > <div class=\"gallery-group images-2\" style=\"width: 239px; height: 319px;\" data-original-width=\"239\" data-original-height=\"319\" > <div class=\"tiled-gallery-item tiled-gallery-item-small\" itemprop=\"associatedMedia\" itemscope itemtype=\"http:\/\/schema.org\/ImageObject\"> <a href=\"https:\/\/itayachtscanada.com\/fr\/listing\/ferretti-780-flybridge-2019-4249000-usd-for-sale\/capture-decran-le-2023-05-20-a-09-37-31\/\" border=\"0\" itemprop=\"url\"> <meta itemprop=\"width\" content=\"235\"> <meta itemprop=\"height\" content=\"156\"> <img decoding=\"async\" class=\"\" data-attachment-id=\"114587\" data-orig-file=\"https:\/\/itayachtscanada.com\/wp-content\/uploads\/2023\/05\/Capture-decran-le-2023-05-20-a-09.37.31.png\" data-orig-size=\"964,638\" data-comments-opened=\"1\" data-image-meta=\"{&quot;aperture&quot;:&quot;0&quot;,&quot;credit&quot;:&quot;&quot;,&quot;camera&quot;:&quot;&quot;,&quot;caption&quot;:&quot;&quot;,&quot;created_timestamp&quot;:&quot;0&quot;,&quot;copyright&quot;:&quot;&quot;,&quot;focal_length&quot;:&quot;0&quot;,&quot;iso&quot;:&quot;0&quot;,&quot;shutter_speed&quot;:&quot;0&quot;,&quot;title&quot;:&quot;&quot;,&quot;orientation&quot;:&quot;0&quot;}\" data-image-title=\"Capture d\u2019\u00e9cran, le 2023-05-20 \u00e0 09.37.31\" data-image-description=\"\" data-medium-file=\"https:\/\/i0.wp.com\/itayachtscanada.com\/wp-content\/uploads\/2023\/05\/Capture-decran-le-2023-05-20-a-09.37.31.png?fit=300%2C199&#038;ssl=1\" data-large-file=\"https:\/\/i0.wp.com\/itayachtscanada.com\/wp-content\/uploads\/2023\/05\/Capture-decran-le-2023-05-20-a-09.37.31.png?fit=700%2C463&#038;ssl=1\" src=\"https:\/\/i0.wp.com\/itayachtscanada.com\/wp-content\/uploads\/2023\/05\/Capture-decran-le-2023-05-20-a-09.37.31.png?w=235&#038;h=156&#038;ssl=1\" srcset=\"https:\/\/i0.wp.com\/itayachtscanada.com\/wp-content\/uploads\/2023\/05\/Capture-decran-le-2023-05-20-a-09.37.31.png?w=964&amp;ssl=1 964w, https:\/\/i0.wp.com\/itayachtscanada.com\/wp-content\/uploads\/2023\/05\/Capture-decran-le-2023-05-20-a-09.37.31.png?resize=300%2C199&amp;ssl=1 300w, https:\/\/i0.wp.com\/itayachtscanada.com\/wp-content\/uploads\/2023\/05\/Capture-decran-le-2023-05-20-a-09.37.31.png?resize=768%2C508&amp;ssl=1 768w, https:\/\/i0.wp.com\/itayachtscanada.com\/wp-content\/uploads\/2023\/05\/Capture-decran-le-2023-05-20-a-09.37.31.png?resize=700%2C463&amp;ssl=1 700w, https:\/\/i0.wp.com\/itayachtscanada.com\/wp-content\/uploads\/2023\/05\/Capture-decran-le-2023-05-20-a-09.37.31.png?resize=900%2C600&amp;ssl=1 900w, https:\/\/i0.wp.com\/itayachtscanada.com\/wp-content\/uploads\/2023\/05\/Capture-decran-le-2023-05-20-a-09.37.31.png?resize=604%2C400&amp;ssl=1 604w\" width=\"235\" height=\"156\" loading=\"lazy\" data-original-width=\"235\" data-original-height=\"156\" itemprop=\"http:\/\/schema.org\/image\" title=\"Capture d\u2019\u00e9cran, le 2023-05-20 \u00e0 09.37.31\" alt=\"Capture d\u2019\u00e9cran, le 2023-05-20 \u00e0 09.37.31\" style=\"width: 235px; height: 156px;\" \/> <\/a> <\/div> <div class=\"tiled-gallery-item tiled-gallery-item-small\" itemprop=\"associatedMedia\" itemscope itemtype=\"http:\/\/schema.org\/ImageObject\"> <a href=\"https:\/\/itayachtscanada.com\/fr\/listing\/ferretti-780-flybridge-2019-4249000-usd-for-sale\/capture-decran-le-2023-05-20-a-09-37-28\/\" border=\"0\" itemprop=\"url\"> <meta itemprop=\"width\" content=\"235\"> <meta itemprop=\"height\" content=\"155\"> <img decoding=\"async\" class=\"\" data-attachment-id=\"114588\" data-orig-file=\"https:\/\/itayachtscanada.com\/wp-content\/uploads\/2023\/05\/Capture-decran-le-2023-05-20-a-09.37.28.png\" data-orig-size=\"964,638\" data-comments-opened=\"1\" data-image-meta=\"{&quot;aperture&quot;:&quot;0&quot;,&quot;credit&quot;:&quot;&quot;,&quot;camera&quot;:&quot;&quot;,&quot;caption&quot;:&quot;&quot;,&quot;created_timestamp&quot;:&quot;0&quot;,&quot;copyright&quot;:&quot;&quot;,&quot;focal_length&quot;:&quot;0&quot;,&quot;iso&quot;:&quot;0&quot;,&quot;shutter_speed&quot;:&quot;0&quot;,&quot;title&quot;:&quot;&quot;,&quot;orientation&quot;:&quot;0&quot;}\" data-image-title=\"Capture d\u2019\u00e9cran, le 2023-05-20 \u00e0 09.37.28\" data-image-description=\"\" data-medium-file=\"https:\/\/i0.wp.com\/itayachtscanada.com\/wp-content\/uploads\/2023\/05\/Capture-decran-le-2023-05-20-a-09.37.28.png?fit=300%2C199&#038;ssl=1\" data-large-file=\"https:\/\/i0.wp.com\/itayachtscanada.com\/wp-content\/uploads\/2023\/05\/Capture-decran-le-2023-05-20-a-09.37.28.png?fit=700%2C463&#038;ssl=1\" src=\"https:\/\/i0.wp.com\/itayachtscanada.com\/wp-content\/uploads\/2023\/05\/Capture-decran-le-2023-05-20-a-09.37.28.png?w=235&#038;h=155&#038;ssl=1\" srcset=\"https:\/\/i0.wp.com\/itayachtscanada.com\/wp-content\/uploads\/2023\/05\/Capture-decran-le-2023-05-20-a-09.37.28.png?w=964&amp;ssl=1 964w, https:\/\/i0.wp.com\/itayachtscanada.com\/wp-content\/uploads\/2023\/05\/Capture-decran-le-2023-05-20-a-09.37.28.png?resize=300%2C199&amp;ssl=1 300w, https:\/\/i0.wp.com\/itayachtscanada.com\/wp-content\/uploads\/2023\/05\/Capture-decran-le-2023-05-20-a-09.37.28.png?resize=768%2C508&amp;ssl=1 768w, https:\/\/i0.wp.com\/itayachtscanada.com\/wp-content\/uploads\/2023\/05\/Capture-decran-le-2023-05-20-a-09.37.28.png?resize=700%2C463&amp;ssl=1 700w, https:\/\/i0.wp.com\/itayachtscanada.com\/wp-content\/uploads\/2023\/05\/Capture-decran-le-2023-05-20-a-09.37.28.png?resize=604%2C400&amp;ssl=1 604w\" width=\"235\" height=\"155\" loading=\"lazy\" data-original-width=\"235\" data-original-height=\"155\" itemprop=\"http:\/\/schema.org\/image\" title=\"Capture d\u2019\u00e9cran, le 2023-05-20 \u00e0 09.37.28\" alt=\"Capture d\u2019\u00e9cran, le 2023-05-20 \u00e0 09.37.28\" style=\"width: 235px; height: 155px;\" \/> <\/a> <\/div> <\/div> <!-- close group --> <div class=\"gallery-group images-1\" style=\"width: 242px; height: 319px;\" data-original-width=\"242\" data-original-height=\"319\" > <div class=\"tiled-gallery-item tiled-gallery-item-small\" itemprop=\"associatedMedia\" itemscope itemtype=\"http:\/\/schema.org\/ImageObject\"> <a href=\"https:\/\/itayachtscanada.com\/fr\/listing\/ferretti-780-flybridge-2019-4249000-usd-for-sale\/capture-decran-le-2023-05-20-a-09-39-38\/\" border=\"0\" itemprop=\"url\"> <meta itemprop=\"width\" content=\"238\"> <meta itemprop=\"height\" content=\"315\"> <img decoding=\"async\" class=\"\" data-attachment-id=\"114572\" data-orig-file=\"https:\/\/itayachtscanada.com\/wp-content\/uploads\/2023\/05\/Capture-decran-le-2023-05-20-a-09.39.38.png\" data-orig-size=\"464,614\" data-comments-opened=\"1\" data-image-meta=\"{&quot;aperture&quot;:&quot;0&quot;,&quot;credit&quot;:&quot;&quot;,&quot;camera&quot;:&quot;&quot;,&quot;caption&quot;:&quot;&quot;,&quot;created_timestamp&quot;:&quot;0&quot;,&quot;copyright&quot;:&quot;&quot;,&quot;focal_length&quot;:&quot;0&quot;,&quot;iso&quot;:&quot;0&quot;,&quot;shutter_speed&quot;:&quot;0&quot;,&quot;title&quot;:&quot;&quot;,&quot;orientation&quot;:&quot;0&quot;}\" data-image-title=\"Capture d\u2019\u00e9cran, le 2023-05-20 \u00e0 09.39.38\" data-image-description=\"\" data-medium-file=\"https:\/\/i0.wp.com\/itayachtscanada.com\/wp-content\/uploads\/2023\/05\/Capture-decran-le-2023-05-20-a-09.39.38.png?fit=227%2C300&#038;ssl=1\" data-large-file=\"https:\/\/i0.wp.com\/itayachtscanada.com\/wp-content\/uploads\/2023\/05\/Capture-decran-le-2023-05-20-a-09.39.38.png?fit=464%2C614&#038;ssl=1\" src=\"https:\/\/i0.wp.com\/itayachtscanada.com\/wp-content\/uploads\/2023\/05\/Capture-decran-le-2023-05-20-a-09.39.38.png?w=238&#038;h=315&#038;ssl=1\" srcset=\"https:\/\/i0.wp.com\/itayachtscanada.com\/wp-content\/uploads\/2023\/05\/Capture-decran-le-2023-05-20-a-09.39.38.png?w=464&amp;ssl=1 464w, https:\/\/i0.wp.com\/itayachtscanada.com\/wp-content\/uploads\/2023\/05\/Capture-decran-le-2023-05-20-a-09.39.38.png?resize=227%2C300&amp;ssl=1 227w, https:\/\/i0.wp.com\/itayachtscanada.com\/wp-content\/uploads\/2023\/05\/Capture-decran-le-2023-05-20-a-09.39.38.png?resize=150%2C200&amp;ssl=1 150w, https:\/\/i0.wp.com\/itayachtscanada.com\/wp-content\/uploads\/2023\/05\/Capture-decran-le-2023-05-20-a-09.39.38.png?resize=302%2C400&amp;ssl=1 302w\" width=\"238\" height=\"315\" loading=\"lazy\" data-original-width=\"238\" data-original-height=\"315\" itemprop=\"http:\/\/schema.org\/image\" title=\"Capture d\u2019\u00e9cran, le 2023-05-20 \u00e0 09.39.38\" alt=\"Capture d\u2019\u00e9cran, le 2023-05-20 \u00e0 09.39.38\" style=\"width: 238px; height: 315px;\" \/> <\/a> <\/div> <\/div> <!-- close group --> <div class=\"gallery-group images-2\" style=\"width: 219px; height: 319px;\" data-original-width=\"219\" data-original-height=\"319\" > <div class=\"tiled-gallery-item tiled-gallery-item-small\" itemprop=\"associatedMedia\" itemscope itemtype=\"http:\/\/schema.org\/ImageObject\"> <a href=\"https:\/\/itayachtscanada.com\/fr\/listing\/ferretti-780-flybridge-2019-4249000-usd-for-sale\/capture-decran-le-2023-05-20-a-09-39-25\/\" border=\"0\" itemprop=\"url\"> <meta itemprop=\"width\" content=\"215\"> <meta itemprop=\"height\" content=\"156\"> <img decoding=\"async\" class=\"\" data-attachment-id=\"114574\" data-orig-file=\"https:\/\/itayachtscanada.com\/wp-content\/uploads\/2023\/05\/Capture-decran-le-2023-05-20-a-09.39.25.png\" data-orig-size=\"852,614\" data-comments-opened=\"1\" data-image-meta=\"{&quot;aperture&quot;:&quot;0&quot;,&quot;credit&quot;:&quot;&quot;,&quot;camera&quot;:&quot;&quot;,&quot;caption&quot;:&quot;&quot;,&quot;created_timestamp&quot;:&quot;0&quot;,&quot;copyright&quot;:&quot;&quot;,&quot;focal_length&quot;:&quot;0&quot;,&quot;iso&quot;:&quot;0&quot;,&quot;shutter_speed&quot;:&quot;0&quot;,&quot;title&quot;:&quot;&quot;,&quot;orientation&quot;:&quot;0&quot;}\" data-image-title=\"Capture d\u2019\u00e9cran, le 2023-05-20 \u00e0 09.39.25\" data-image-description=\"\" data-medium-file=\"https:\/\/i0.wp.com\/itayachtscanada.com\/wp-content\/uploads\/2023\/05\/Capture-decran-le-2023-05-20-a-09.39.25.png?fit=300%2C216&#038;ssl=1\" data-large-file=\"https:\/\/i0.wp.com\/itayachtscanada.com\/wp-content\/uploads\/2023\/05\/Capture-decran-le-2023-05-20-a-09.39.25.png?fit=700%2C504&#038;ssl=1\" src=\"https:\/\/i0.wp.com\/itayachtscanada.com\/wp-content\/uploads\/2023\/05\/Capture-decran-le-2023-05-20-a-09.39.25.png?w=215&#038;h=156&#038;ssl=1\" srcset=\"https:\/\/i0.wp.com\/itayachtscanada.com\/wp-content\/uploads\/2023\/05\/Capture-decran-le-2023-05-20-a-09.39.25.png?w=852&amp;ssl=1 852w, https:\/\/i0.wp.com\/itayachtscanada.com\/wp-content\/uploads\/2023\/05\/Capture-decran-le-2023-05-20-a-09.39.25.png?resize=300%2C216&amp;ssl=1 300w, https:\/\/i0.wp.com\/itayachtscanada.com\/wp-content\/uploads\/2023\/05\/Capture-decran-le-2023-05-20-a-09.39.25.png?resize=768%2C553&amp;ssl=1 768w, https:\/\/i0.wp.com\/itayachtscanada.com\/wp-content\/uploads\/2023\/05\/Capture-decran-le-2023-05-20-a-09.39.25.png?resize=700%2C504&amp;ssl=1 700w, https:\/\/i0.wp.com\/itayachtscanada.com\/wp-content\/uploads\/2023\/05\/Capture-decran-le-2023-05-20-a-09.39.25.png?resize=555%2C400&amp;ssl=1 555w\" width=\"215\" height=\"156\" loading=\"lazy\" data-original-width=\"215\" data-original-height=\"156\" itemprop=\"http:\/\/schema.org\/image\" title=\"Capture d\u2019\u00e9cran, le 2023-05-20 \u00e0 09.39.25\" alt=\"Capture d\u2019\u00e9cran, le 2023-05-20 \u00e0 09.39.25\" style=\"width: 215px; height: 156px;\" \/> <\/a> <\/div> <div class=\"tiled-gallery-item tiled-gallery-item-small\" itemprop=\"associatedMedia\" itemscope itemtype=\"http:\/\/schema.org\/ImageObject\"> <a href=\"https:\/\/itayachtscanada.com\/fr\/listing\/ferretti-780-flybridge-2019-4249000-usd-for-sale\/capture-decran-le-2023-05-20-a-09-39-28\/\" border=\"0\" itemprop=\"url\"> <meta itemprop=\"width\" content=\"215\"> <meta itemprop=\"height\" content=\"155\"> <img decoding=\"async\" class=\"\" data-attachment-id=\"114573\" data-orig-file=\"https:\/\/itayachtscanada.com\/wp-content\/uploads\/2023\/05\/Capture-decran-le-2023-05-20-a-09.39.28.png\" data-orig-size=\"852,614\" data-comments-opened=\"1\" data-image-meta=\"{&quot;aperture&quot;:&quot;0&quot;,&quot;credit&quot;:&quot;&quot;,&quot;camera&quot;:&quot;&quot;,&quot;caption&quot;:&quot;&quot;,&quot;created_timestamp&quot;:&quot;0&quot;,&quot;copyright&quot;:&quot;&quot;,&quot;focal_length&quot;:&quot;0&quot;,&quot;iso&quot;:&quot;0&quot;,&quot;shutter_speed&quot;:&quot;0&quot;,&quot;title&quot;:&quot;&quot;,&quot;orientation&quot;:&quot;0&quot;}\" data-image-title=\"Capture d\u2019\u00e9cran, le 2023-05-20 \u00e0 09.39.28\" data-image-description=\"\" data-medium-file=\"https:\/\/i0.wp.com\/itayachtscanada.com\/wp-content\/uploads\/2023\/05\/Capture-decran-le-2023-05-20-a-09.39.28.png?fit=300%2C216&#038;ssl=1\" data-large-file=\"https:\/\/i0.wp.com\/itayachtscanada.com\/wp-content\/uploads\/2023\/05\/Capture-decran-le-2023-05-20-a-09.39.28.png?fit=700%2C504&#038;ssl=1\" src=\"https:\/\/i0.wp.com\/itayachtscanada.com\/wp-content\/uploads\/2023\/05\/Capture-decran-le-2023-05-20-a-09.39.28.png?w=215&#038;h=155&#038;ssl=1\" srcset=\"https:\/\/i0.wp.com\/itayachtscanada.com\/wp-content\/uploads\/2023\/05\/Capture-decran-le-2023-05-20-a-09.39.28.png?w=852&amp;ssl=1 852w, https:\/\/i0.wp.com\/itayachtscanada.com\/wp-content\/uploads\/2023\/05\/Capture-decran-le-2023-05-20-a-09.39.28.png?resize=300%2C216&amp;ssl=1 300w, https:\/\/i0.wp.com\/itayachtscanada.com\/wp-content\/uploads\/2023\/05\/Capture-decran-le-2023-05-20-a-09.39.28.png?resize=768%2C553&amp;ssl=1 768w, https:\/\/i0.wp.com\/itayachtscanada.com\/wp-content\/uploads\/2023\/05\/Capture-decran-le-2023-05-20-a-09.39.28.png?resize=700%2C504&amp;ssl=1 700w, https:\/\/i0.wp.com\/itayachtscanada.com\/wp-content\/uploads\/2023\/05\/Capture-decran-le-2023-05-20-a-09.39.28.png?resize=555%2C400&amp;ssl=1 555w\" width=\"215\" height=\"155\" loading=\"lazy\" data-original-width=\"215\" data-original-height=\"155\" itemprop=\"http:\/\/schema.org\/image\" title=\"Capture d\u2019\u00e9cran, le 2023-05-20 \u00e0 09.39.28\" alt=\"Capture d\u2019\u00e9cran, le 2023-05-20 \u00e0 09.39.28\" style=\"width: 215px; height: 155px;\" \/> <\/a> <\/div> <\/div> <!-- close group --> <\/div> <!-- close row --> <div class=\"gallery-row\" style=\"width: 700px; height: 323px;\" data-original-width=\"700\" data-original-height=\"323\" > <div class=\"gallery-group images-1\" style=\"width: 486px; height: 323px;\" data-original-width=\"486\" data-original-height=\"323\" > <div class=\"tiled-gallery-item tiled-gallery-item-large\" itemprop=\"associatedMedia\" itemscope itemtype=\"http:\/\/schema.org\/ImageObject\"> <a href=\"https:\/\/itayachtscanada.com\/fr\/listing\/ferretti-780-flybridge-2019-4249000-usd-for-sale\/capture-decran-le-2023-05-20-a-09-37-58\/\" border=\"0\" itemprop=\"url\"> <meta itemprop=\"width\" content=\"482\"> <meta itemprop=\"height\" content=\"319\"> <img decoding=\"async\" class=\"\" data-attachment-id=\"114581\" data-orig-file=\"https:\/\/itayachtscanada.com\/wp-content\/uploads\/2023\/05\/Capture-decran-le-2023-05-20-a-09.37.58.png\" data-orig-size=\"962,638\" data-comments-opened=\"1\" data-image-meta=\"{&quot;aperture&quot;:&quot;0&quot;,&quot;credit&quot;:&quot;&quot;,&quot;camera&quot;:&quot;&quot;,&quot;caption&quot;:&quot;&quot;,&quot;created_timestamp&quot;:&quot;0&quot;,&quot;copyright&quot;:&quot;&quot;,&quot;focal_length&quot;:&quot;0&quot;,&quot;iso&quot;:&quot;0&quot;,&quot;shutter_speed&quot;:&quot;0&quot;,&quot;title&quot;:&quot;&quot;,&quot;orientation&quot;:&quot;0&quot;}\" data-image-title=\"Capture d\u2019\u00e9cran, le 2023-05-20 \u00e0 09.37.58\" data-image-description=\"\" data-medium-file=\"https:\/\/i0.wp.com\/itayachtscanada.com\/wp-content\/uploads\/2023\/05\/Capture-decran-le-2023-05-20-a-09.37.58.png?fit=300%2C199&#038;ssl=1\" data-large-file=\"https:\/\/i0.wp.com\/itayachtscanada.com\/wp-content\/uploads\/2023\/05\/Capture-decran-le-2023-05-20-a-09.37.58.png?fit=700%2C464&#038;ssl=1\" src=\"https:\/\/i0.wp.com\/itayachtscanada.com\/wp-content\/uploads\/2023\/05\/Capture-decran-le-2023-05-20-a-09.37.58.png?w=482&#038;h=319&#038;ssl=1\" srcset=\"https:\/\/i0.wp.com\/itayachtscanada.com\/wp-content\/uploads\/2023\/05\/Capture-decran-le-2023-05-20-a-09.37.58.png?w=962&amp;ssl=1 962w, https:\/\/i0.wp.com\/itayachtscanada.com\/wp-content\/uploads\/2023\/05\/Capture-decran-le-2023-05-20-a-09.37.58.png?resize=300%2C199&amp;ssl=1 300w, https:\/\/i0.wp.com\/itayachtscanada.com\/wp-content\/uploads\/2023\/05\/Capture-decran-le-2023-05-20-a-09.37.58.png?resize=768%2C509&amp;ssl=1 768w, https:\/\/i0.wp.com\/itayachtscanada.com\/wp-content\/uploads\/2023\/05\/Capture-decran-le-2023-05-20-a-09.37.58.png?resize=700%2C464&amp;ssl=1 700w, https:\/\/i0.wp.com\/itayachtscanada.com\/wp-content\/uploads\/2023\/05\/Capture-decran-le-2023-05-20-a-09.37.58.png?resize=603%2C400&amp;ssl=1 603w\" width=\"482\" height=\"319\" loading=\"lazy\" data-original-width=\"482\" data-original-height=\"319\" itemprop=\"http:\/\/schema.org\/image\" title=\"Capture d\u2019\u00e9cran, le 2023-05-20 \u00e0 09.37.58\" alt=\"Capture d\u2019\u00e9cran, le 2023-05-20 \u00e0 09.37.58\" style=\"width: 482px; height: 319px;\" \/> <\/a> <\/div> <\/div> <!-- close group --> <div class=\"gallery-group images-2\" style=\"width: 214px; height: 323px;\" data-original-width=\"214\" data-original-height=\"323\" > <div class=\"tiled-gallery-item tiled-gallery-item-small\" itemprop=\"associatedMedia\" itemscope itemtype=\"http:\/\/schema.org\/ImageObject\"> <a href=\"https:\/\/itayachtscanada.com\/fr\/listing\/ferretti-780-flybridge-2019-4249000-usd-for-sale\/capture-decran-le-2023-05-20-a-09-37-51\/\" border=\"0\" itemprop=\"url\"> <meta itemprop=\"width\" content=\"210\"> <meta itemprop=\"height\" content=\"158\"> <img decoding=\"async\" class=\"\" data-attachment-id=\"114582\" data-orig-file=\"https:\/\/itayachtscanada.com\/wp-content\/uploads\/2023\/05\/Capture-decran-le-2023-05-20-a-09.37.51.png\" data-orig-size=\"850,638\" data-comments-opened=\"1\" data-image-meta=\"{&quot;aperture&quot;:&quot;0&quot;,&quot;credit&quot;:&quot;&quot;,&quot;camera&quot;:&quot;&quot;,&quot;caption&quot;:&quot;&quot;,&quot;created_timestamp&quot;:&quot;0&quot;,&quot;copyright&quot;:&quot;&quot;,&quot;focal_length&quot;:&quot;0&quot;,&quot;iso&quot;:&quot;0&quot;,&quot;shutter_speed&quot;:&quot;0&quot;,&quot;title&quot;:&quot;&quot;,&quot;orientation&quot;:&quot;0&quot;}\" data-image-title=\"Capture d\u2019\u00e9cran, le 2023-05-20 \u00e0 09.37.51\" data-image-description=\"\" data-medium-file=\"https:\/\/i0.wp.com\/itayachtscanada.com\/wp-content\/uploads\/2023\/05\/Capture-decran-le-2023-05-20-a-09.37.51.png?fit=300%2C225&#038;ssl=1\" data-large-file=\"https:\/\/i0.wp.com\/itayachtscanada.com\/wp-content\/uploads\/2023\/05\/Capture-decran-le-2023-05-20-a-09.37.51.png?fit=700%2C525&#038;ssl=1\" src=\"https:\/\/i0.wp.com\/itayachtscanada.com\/wp-content\/uploads\/2023\/05\/Capture-decran-le-2023-05-20-a-09.37.51.png?w=210&#038;h=158&#038;ssl=1\" srcset=\"https:\/\/i0.wp.com\/itayachtscanada.com\/wp-content\/uploads\/2023\/05\/Capture-decran-le-2023-05-20-a-09.37.51.png?w=850&amp;ssl=1 850w, https:\/\/i0.wp.com\/itayachtscanada.com\/wp-content\/uploads\/2023\/05\/Capture-decran-le-2023-05-20-a-09.37.51.png?resize=300%2C225&amp;ssl=1 300w, https:\/\/i0.wp.com\/itayachtscanada.com\/wp-content\/uploads\/2023\/05\/Capture-decran-le-2023-05-20-a-09.37.51.png?resize=768%2C576&amp;ssl=1 768w, https:\/\/i0.wp.com\/itayachtscanada.com\/wp-content\/uploads\/2023\/05\/Capture-decran-le-2023-05-20-a-09.37.51.png?resize=800%2C600&amp;ssl=1 800w, https:\/\/i0.wp.com\/itayachtscanada.com\/wp-content\/uploads\/2023\/05\/Capture-decran-le-2023-05-20-a-09.37.51.png?resize=400%2C300&amp;ssl=1 400w, https:\/\/i0.wp.com\/itayachtscanada.com\/wp-content\/uploads\/2023\/05\/Capture-decran-le-2023-05-20-a-09.37.51.png?resize=200%2C150&amp;ssl=1 200w, https:\/\/i0.wp.com\/itayachtscanada.com\/wp-content\/uploads\/2023\/05\/Capture-decran-le-2023-05-20-a-09.37.51.png?resize=700%2C525&amp;ssl=1 700w, https:\/\/i0.wp.com\/itayachtscanada.com\/wp-content\/uploads\/2023\/05\/Capture-decran-le-2023-05-20-a-09.37.51.png?resize=533%2C400&amp;ssl=1 533w\" width=\"210\" height=\"158\" loading=\"lazy\" data-original-width=\"210\" data-original-height=\"158\" itemprop=\"http:\/\/schema.org\/image\" title=\"Capture d\u2019\u00e9cran, le 2023-05-20 \u00e0 09.37.51\" alt=\"Capture d\u2019\u00e9cran, le 2023-05-20 \u00e0 09.37.51\" style=\"width: 210px; height: 158px;\" \/> <\/a> <\/div> <div class=\"tiled-gallery-item tiled-gallery-item-small\" itemprop=\"associatedMedia\" itemscope itemtype=\"http:\/\/schema.org\/ImageObject\"> <a href=\"https:\/\/itayachtscanada.com\/fr\/listing\/ferretti-780-flybridge-2019-4249000-usd-for-sale\/capture-decran-le-2023-05-20-a-09-37-21\/\" border=\"0\" itemprop=\"url\"> <meta itemprop=\"width\" content=\"210\"> <meta itemprop=\"height\" content=\"157\"> <img decoding=\"async\" class=\"\" data-attachment-id=\"114589\" data-orig-file=\"https:\/\/itayachtscanada.com\/wp-content\/uploads\/2023\/05\/Capture-decran-le-2023-05-20-a-09.37.21.png\" data-orig-size=\"852,638\" data-comments-opened=\"1\" data-image-meta=\"{&quot;aperture&quot;:&quot;0&quot;,&quot;credit&quot;:&quot;&quot;,&quot;camera&quot;:&quot;&quot;,&quot;caption&quot;:&quot;&quot;,&quot;created_timestamp&quot;:&quot;0&quot;,&quot;copyright&quot;:&quot;&quot;,&quot;focal_length&quot;:&quot;0&quot;,&quot;iso&quot;:&quot;0&quot;,&quot;shutter_speed&quot;:&quot;0&quot;,&quot;title&quot;:&quot;&quot;,&quot;orientation&quot;:&quot;0&quot;}\" data-image-title=\"Capture d\u2019\u00e9cran, le 2023-05-20 \u00e0 09.37.21\" data-image-description=\"\" data-medium-file=\"https:\/\/i0.wp.com\/itayachtscanada.com\/wp-content\/uploads\/2023\/05\/Capture-decran-le-2023-05-20-a-09.37.21.png?fit=300%2C225&#038;ssl=1\" data-large-file=\"https:\/\/i0.wp.com\/itayachtscanada.com\/wp-content\/uploads\/2023\/05\/Capture-decran-le-2023-05-20-a-09.37.21.png?fit=700%2C524&#038;ssl=1\" src=\"https:\/\/i0.wp.com\/itayachtscanada.com\/wp-content\/uploads\/2023\/05\/Capture-decran-le-2023-05-20-a-09.37.21.png?w=210&#038;h=157&#038;ssl=1\" srcset=\"https:\/\/i0.wp.com\/itayachtscanada.com\/wp-content\/uploads\/2023\/05\/Capture-decran-le-2023-05-20-a-09.37.21.png?w=852&amp;ssl=1 852w, https:\/\/i0.wp.com\/itayachtscanada.com\/wp-content\/uploads\/2023\/05\/Capture-decran-le-2023-05-20-a-09.37.21.png?resize=300%2C225&amp;ssl=1 300w, https:\/\/i0.wp.com\/itayachtscanada.com\/wp-content\/uploads\/2023\/05\/Capture-decran-le-2023-05-20-a-09.37.21.png?resize=768%2C575&amp;ssl=1 768w, https:\/\/i0.wp.com\/itayachtscanada.com\/wp-content\/uploads\/2023\/05\/Capture-decran-le-2023-05-20-a-09.37.21.png?resize=800%2C600&amp;ssl=1 800w, https:\/\/i0.wp.com\/itayachtscanada.com\/wp-content\/uploads\/2023\/05\/Capture-decran-le-2023-05-20-a-09.37.21.png?resize=400%2C300&amp;ssl=1 400w, https:\/\/i0.wp.com\/itayachtscanada.com\/wp-content\/uploads\/2023\/05\/Capture-decran-le-2023-05-20-a-09.37.21.png?resize=200%2C150&amp;ssl=1 200w, https:\/\/i0.wp.com\/itayachtscanada.com\/wp-content\/uploads\/2023\/05\/Capture-decran-le-2023-05-20-a-09.37.21.png?resize=700%2C524&amp;ssl=1 700w, https:\/\/i0.wp.com\/itayachtscanada.com\/wp-content\/uploads\/2023\/05\/Capture-decran-le-2023-05-20-a-09.37.21.png?resize=534%2C400&amp;ssl=1 534w\" width=\"210\" height=\"157\" loading=\"lazy\" data-original-width=\"210\" data-original-height=\"157\" itemprop=\"http:\/\/schema.org\/image\" title=\"Capture d\u2019\u00e9cran, le 2023-05-20 \u00e0 09.37.21\" alt=\"Capture d\u2019\u00e9cran, le 2023-05-20 \u00e0 09.37.21\" style=\"width: 210px; height: 157px;\" \/> <\/a> <\/div> <\/div> <!-- close group --> <\/div> <!-- close row --> <div class=\"gallery-row\" style=\"width: 700px; height: 311px;\" data-original-width=\"700\" data-original-height=\"311\" > <div class=\"gallery-group images-2\" style=\"width: 233px; height: 311px;\" data-original-width=\"233\" data-original-height=\"311\" > <div class=\"tiled-gallery-item tiled-gallery-item-small\" itemprop=\"associatedMedia\" itemscope itemtype=\"http:\/\/schema.org\/ImageObject\"> <a href=\"https:\/\/itayachtscanada.com\/fr\/listing\/ferretti-780-flybridge-2019-4249000-usd-for-sale\/capture-decran-le-2023-05-20-a-09-37-13\/\" border=\"0\" itemprop=\"url\"> <meta itemprop=\"width\" content=\"229\"> <meta itemprop=\"height\" content=\"152\"> <img decoding=\"async\" class=\"\" data-attachment-id=\"114590\" data-orig-file=\"https:\/\/itayachtscanada.com\/wp-content\/uploads\/2023\/05\/Capture-decran-le-2023-05-20-a-09.37.13.png\" data-orig-size=\"962,638\" data-comments-opened=\"1\" data-image-meta=\"{&quot;aperture&quot;:&quot;0&quot;,&quot;credit&quot;:&quot;&quot;,&quot;camera&quot;:&quot;&quot;,&quot;caption&quot;:&quot;&quot;,&quot;created_timestamp&quot;:&quot;0&quot;,&quot;copyright&quot;:&quot;&quot;,&quot;focal_length&quot;:&quot;0&quot;,&quot;iso&quot;:&quot;0&quot;,&quot;shutter_speed&quot;:&quot;0&quot;,&quot;title&quot;:&quot;&quot;,&quot;orientation&quot;:&quot;0&quot;}\" data-image-title=\"Capture d\u2019\u00e9cran, le 2023-05-20 \u00e0 09.37.13\" data-image-description=\"\" data-medium-file=\"https:\/\/i0.wp.com\/itayachtscanada.com\/wp-content\/uploads\/2023\/05\/Capture-decran-le-2023-05-20-a-09.37.13.png?fit=300%2C199&#038;ssl=1\" data-large-file=\"https:\/\/i0.wp.com\/itayachtscanada.com\/wp-content\/uploads\/2023\/05\/Capture-decran-le-2023-05-20-a-09.37.13.png?fit=700%2C464&#038;ssl=1\" src=\"https:\/\/i0.wp.com\/itayachtscanada.com\/wp-content\/uploads\/2023\/05\/Capture-decran-le-2023-05-20-a-09.37.13.png?w=229&#038;h=152&#038;ssl=1\" srcset=\"https:\/\/i0.wp.com\/itayachtscanada.com\/wp-content\/uploads\/2023\/05\/Capture-decran-le-2023-05-20-a-09.37.13.png?w=962&amp;ssl=1 962w, https:\/\/i0.wp.com\/itayachtscanada.com\/wp-content\/uploads\/2023\/05\/Capture-decran-le-2023-05-20-a-09.37.13.png?resize=300%2C199&amp;ssl=1 300w, https:\/\/i0.wp.com\/itayachtscanada.com\/wp-content\/uploads\/2023\/05\/Capture-decran-le-2023-05-20-a-09.37.13.png?resize=768%2C509&amp;ssl=1 768w, https:\/\/i0.wp.com\/itayachtscanada.com\/wp-content\/uploads\/2023\/05\/Capture-decran-le-2023-05-20-a-09.37.13.png?resize=700%2C464&amp;ssl=1 700w, https:\/\/i0.wp.com\/itayachtscanada.com\/wp-content\/uploads\/2023\/05\/Capture-decran-le-2023-05-20-a-09.37.13.png?resize=900%2C600&amp;ssl=1 900w, https:\/\/i0.wp.com\/itayachtscanada.com\/wp-content\/uploads\/2023\/05\/Capture-decran-le-2023-05-20-a-09.37.13.png?resize=603%2C400&amp;ssl=1 603w\" width=\"229\" height=\"152\" loading=\"lazy\" data-original-width=\"229\" data-original-height=\"152\" itemprop=\"http:\/\/schema.org\/image\" title=\"Capture d\u2019\u00e9cran, le 2023-05-20 \u00e0 09.37.13\" alt=\"Capture d\u2019\u00e9cran, le 2023-05-20 \u00e0 09.37.13\" style=\"width: 229px; height: 152px;\" \/> <\/a> <\/div> <div class=\"tiled-gallery-item tiled-gallery-item-small\" itemprop=\"associatedMedia\" itemscope itemtype=\"http:\/\/schema.org\/ImageObject\"> <a href=\"https:\/\/itayachtscanada.com\/fr\/listing\/ferretti-780-flybridge-2019-4249000-usd-for-sale\/capture-decran-le-2023-05-20-a-09-37-06\/\" border=\"0\" itemprop=\"url\"> <meta itemprop=\"width\" content=\"229\"> <meta itemprop=\"height\" content=\"151\"> <img decoding=\"async\" class=\"\" data-attachment-id=\"114592\" data-orig-file=\"https:\/\/itayachtscanada.com\/wp-content\/uploads\/2023\/05\/Capture-decran-le-2023-05-20-a-09.37.06.png\" data-orig-size=\"962,638\" data-comments-opened=\"1\" data-image-meta=\"{&quot;aperture&quot;:&quot;0&quot;,&quot;credit&quot;:&quot;&quot;,&quot;camera&quot;:&quot;&quot;,&quot;caption&quot;:&quot;&quot;,&quot;created_timestamp&quot;:&quot;0&quot;,&quot;copyright&quot;:&quot;&quot;,&quot;focal_length&quot;:&quot;0&quot;,&quot;iso&quot;:&quot;0&quot;,&quot;shutter_speed&quot;:&quot;0&quot;,&quot;title&quot;:&quot;&quot;,&quot;orientation&quot;:&quot;0&quot;}\" data-image-title=\"Capture d\u2019\u00e9cran, le 2023-05-20 \u00e0 09.37.06\" data-image-description=\"\" data-medium-file=\"https:\/\/i0.wp.com\/itayachtscanada.com\/wp-content\/uploads\/2023\/05\/Capture-decran-le-2023-05-20-a-09.37.06.png?fit=300%2C199&#038;ssl=1\" data-large-file=\"https:\/\/i0.wp.com\/itayachtscanada.com\/wp-content\/uploads\/2023\/05\/Capture-decran-le-2023-05-20-a-09.37.06.png?fit=700%2C464&#038;ssl=1\" src=\"https:\/\/i0.wp.com\/itayachtscanada.com\/wp-content\/uploads\/2023\/05\/Capture-decran-le-2023-05-20-a-09.37.06.png?w=229&#038;h=151&#038;ssl=1\" srcset=\"https:\/\/i0.wp.com\/itayachtscanada.com\/wp-content\/uploads\/2023\/05\/Capture-decran-le-2023-05-20-a-09.37.06.png?w=962&amp;ssl=1 962w, https:\/\/i0.wp.com\/itayachtscanada.com\/wp-content\/uploads\/2023\/05\/Capture-decran-le-2023-05-20-a-09.37.06.png?resize=300%2C199&amp;ssl=1 300w, https:\/\/i0.wp.com\/itayachtscanada.com\/wp-content\/uploads\/2023\/05\/Capture-decran-le-2023-05-20-a-09.37.06.png?resize=768%2C509&amp;ssl=1 768w, https:\/\/i0.wp.com\/itayachtscanada.com\/wp-content\/uploads\/2023\/05\/Capture-decran-le-2023-05-20-a-09.37.06.png?resize=700%2C464&amp;ssl=1 700w, https:\/\/i0.wp.com\/itayachtscanada.com\/wp-content\/uploads\/2023\/05\/Capture-decran-le-2023-05-20-a-09.37.06.png?resize=603%2C400&amp;ssl=1 603w\" width=\"229\" height=\"151\" loading=\"lazy\" data-original-width=\"229\" data-original-height=\"151\" itemprop=\"http:\/\/schema.org\/image\" title=\"Capture d\u2019\u00e9cran, le 2023-05-20 \u00e0 09.37.06\" alt=\"Capture d\u2019\u00e9cran, le 2023-05-20 \u00e0 09.37.06\" style=\"width: 229px; height: 151px;\" \/> <\/a> <\/div> <\/div> <!-- close group --> <div class=\"gallery-group images-1\" style=\"width: 467px; height: 311px;\" data-original-width=\"467\" data-original-height=\"311\" > <div class=\"tiled-gallery-item tiled-gallery-item-large\" itemprop=\"associatedMedia\" itemscope itemtype=\"http:\/\/schema.org\/ImageObject\"> <a href=\"https:\/\/itayachtscanada.com\/fr\/listing\/ferretti-780-flybridge-2019-4249000-usd-for-sale\/capture-decran-le-2023-05-20-a-09-37-03\/\" border=\"0\" itemprop=\"url\"> <meta itemprop=\"width\" content=\"463\"> <meta itemprop=\"height\" content=\"307\"> <img decoding=\"async\" class=\"\" data-attachment-id=\"114593\" data-orig-file=\"https:\/\/itayachtscanada.com\/wp-content\/uploads\/2023\/05\/Capture-decran-le-2023-05-20-a-09.37.03.png\" data-orig-size=\"962,638\" data-comments-opened=\"1\" data-image-meta=\"{&quot;aperture&quot;:&quot;0&quot;,&quot;credit&quot;:&quot;&quot;,&quot;camera&quot;:&quot;&quot;,&quot;caption&quot;:&quot;&quot;,&quot;created_timestamp&quot;:&quot;0&quot;,&quot;copyright&quot;:&quot;&quot;,&quot;focal_length&quot;:&quot;0&quot;,&quot;iso&quot;:&quot;0&quot;,&quot;shutter_speed&quot;:&quot;0&quot;,&quot;title&quot;:&quot;&quot;,&quot;orientation&quot;:&quot;0&quot;}\" data-image-title=\"Capture d\u2019\u00e9cran, le 2023-05-20 \u00e0 09.37.03\" data-image-description=\"\" data-medium-file=\"https:\/\/i0.wp.com\/itayachtscanada.com\/wp-content\/uploads\/2023\/05\/Capture-decran-le-2023-05-20-a-09.37.03.png?fit=300%2C199&#038;ssl=1\" data-large-file=\"https:\/\/i0.wp.com\/itayachtscanada.com\/wp-content\/uploads\/2023\/05\/Capture-decran-le-2023-05-20-a-09.37.03.png?fit=700%2C464&#038;ssl=1\" src=\"https:\/\/i0.wp.com\/itayachtscanada.com\/wp-content\/uploads\/2023\/05\/Capture-decran-le-2023-05-20-a-09.37.03.png?w=463&#038;h=307&#038;ssl=1\" srcset=\"https:\/\/i0.wp.com\/itayachtscanada.com\/wp-content\/uploads\/2023\/05\/Capture-decran-le-2023-05-20-a-09.37.03.png?w=962&amp;ssl=1 962w, https:\/\/i0.wp.com\/itayachtscanada.com\/wp-content\/uploads\/2023\/05\/Capture-decran-le-2023-05-20-a-09.37.03.png?resize=300%2C199&amp;ssl=1 300w, https:\/\/i0.wp.com\/itayachtscanada.com\/wp-content\/uploads\/2023\/05\/Capture-decran-le-2023-05-20-a-09.37.03.png?resize=768%2C509&amp;ssl=1 768w, https:\/\/i0.wp.com\/itayachtscanada.com\/wp-content\/uploads\/2023\/05\/Capture-decran-le-2023-05-20-a-09.37.03.png?resize=700%2C464&amp;ssl=1 700w, https:\/\/i0.wp.com\/itayachtscanada.com\/wp-content\/uploads\/2023\/05\/Capture-decran-le-2023-05-20-a-09.37.03.png?resize=603%2C400&amp;ssl=1 603w\" width=\"463\" height=\"307\" loading=\"lazy\" data-original-width=\"463\" data-original-height=\"307\" itemprop=\"http:\/\/schema.org\/image\" title=\"Capture d\u2019\u00e9cran, le 2023-05-20 \u00e0 09.37.03\" alt=\"Capture d\u2019\u00e9cran, le 2023-05-20 \u00e0 09.37.03\" style=\"width: 463px; height: 307px;\" \/> <\/a> <\/div> <\/div> <!-- close group --> <\/div> <!-- close row --> <div class=\"gallery-row\" style=\"width: 700px; height: 156px;\" data-original-width=\"700\" data-original-height=\"156\" > <div class=\"gallery-group images-1\" style=\"width: 234px; height: 156px;\" data-original-width=\"234\" data-original-height=\"156\" > <div class=\"tiled-gallery-item tiled-gallery-item-small\" itemprop=\"associatedMedia\" itemscope itemtype=\"http:\/\/schema.org\/ImageObject\"> <a href=\"https:\/\/itayachtscanada.com\/fr\/listing\/ferretti-780-flybridge-2019-4249000-usd-for-sale\/capture-decran-le-2023-05-20-a-09-37-00\/\" border=\"0\" itemprop=\"url\"> <meta itemprop=\"width\" content=\"230\"> <meta itemprop=\"height\" content=\"152\"> <img decoding=\"async\" class=\"\" data-attachment-id=\"114594\" data-orig-file=\"https:\/\/itayachtscanada.com\/wp-content\/uploads\/2023\/05\/Capture-decran-le-2023-05-20-a-09.37.00.png\" data-orig-size=\"962,638\" data-comments-opened=\"1\" data-image-meta=\"{&quot;aperture&quot;:&quot;0&quot;,&quot;credit&quot;:&quot;&quot;,&quot;camera&quot;:&quot;&quot;,&quot;caption&quot;:&quot;&quot;,&quot;created_timestamp&quot;:&quot;0&quot;,&quot;copyright&quot;:&quot;&quot;,&quot;focal_length&quot;:&quot;0&quot;,&quot;iso&quot;:&quot;0&quot;,&quot;shutter_speed&quot;:&quot;0&quot;,&quot;title&quot;:&quot;&quot;,&quot;orientation&quot;:&quot;0&quot;}\" data-image-title=\"Capture d\u2019\u00e9cran, le 2023-05-20 \u00e0 09.37.00\" data-image-description=\"\" data-medium-file=\"https:\/\/i0.wp.com\/itayachtscanada.com\/wp-content\/uploads\/2023\/05\/Capture-decran-le-2023-05-20-a-09.37.00.png?fit=300%2C199&#038;ssl=1\" data-large-file=\"https:\/\/i0.wp.com\/itayachtscanada.com\/wp-content\/uploads\/2023\/05\/Capture-decran-le-2023-05-20-a-09.37.00.png?fit=700%2C464&#038;ssl=1\" src=\"https:\/\/i0.wp.com\/itayachtscanada.com\/wp-content\/uploads\/2023\/05\/Capture-decran-le-2023-05-20-a-09.37.00.png?w=230&#038;h=152&#038;ssl=1\" srcset=\"https:\/\/i0.wp.com\/itayachtscanada.com\/wp-content\/uploads\/2023\/05\/Capture-decran-le-2023-05-20-a-09.37.00.png?w=962&amp;ssl=1 962w, https:\/\/i0.wp.com\/itayachtscanada.com\/wp-content\/uploads\/2023\/05\/Capture-decran-le-2023-05-20-a-09.37.00.png?resize=300%2C199&amp;ssl=1 300w, https:\/\/i0.wp.com\/itayachtscanada.com\/wp-content\/uploads\/2023\/05\/Capture-decran-le-2023-05-20-a-09.37.00.png?resize=768%2C509&amp;ssl=1 768w, https:\/\/i0.wp.com\/itayachtscanada.com\/wp-content\/uploads\/2023\/05\/Capture-decran-le-2023-05-20-a-09.37.00.png?resize=700%2C464&amp;ssl=1 700w, https:\/\/i0.wp.com\/itayachtscanada.com\/wp-content\/uploads\/2023\/05\/Capture-decran-le-2023-05-20-a-09.37.00.png?resize=900%2C600&amp;ssl=1 900w, https:\/\/i0.wp.com\/itayachtscanada.com\/wp-content\/uploads\/2023\/05\/Capture-decran-le-2023-05-20-a-09.37.00.png?resize=603%2C400&amp;ssl=1 603w\" width=\"230\" height=\"152\" loading=\"lazy\" data-original-width=\"230\" data-original-height=\"152\" itemprop=\"http:\/\/schema.org\/image\" title=\"Capture d\u2019\u00e9cran, le 2023-05-20 \u00e0 09.37.00\" alt=\"Capture d\u2019\u00e9cran, le 2023-05-20 \u00e0 09.37.00\" style=\"width: 230px; height: 152px;\" \/> <\/a> <\/div> <\/div> <!-- close group --> <div class=\"gallery-group images-1\" style=\"width: 233px; height: 156px;\" data-original-width=\"233\" data-original-height=\"156\" > <div class=\"tiled-gallery-item tiled-gallery-item-small\" itemprop=\"associatedMedia\" itemscope itemtype=\"http:\/\/schema.org\/ImageObject\"> <a href=\"https:\/\/itayachtscanada.com\/fr\/listing\/ferretti-780-flybridge-2019-4249000-usd-for-sale\/capture-decran-le-2023-05-20-a-09-36-56\/\" border=\"0\" itemprop=\"url\"> <meta itemprop=\"width\" content=\"229\"> <meta itemprop=\"height\" content=\"152\"> <img decoding=\"async\" class=\"\" data-attachment-id=\"114595\" data-orig-file=\"https:\/\/itayachtscanada.com\/wp-content\/uploads\/2023\/05\/Capture-decran-le-2023-05-20-a-09.36.56.png\" data-orig-size=\"962,638\" data-comments-opened=\"1\" data-image-meta=\"{&quot;aperture&quot;:&quot;0&quot;,&quot;credit&quot;:&quot;&quot;,&quot;camera&quot;:&quot;&quot;,&quot;caption&quot;:&quot;&quot;,&quot;created_timestamp&quot;:&quot;0&quot;,&quot;copyright&quot;:&quot;&quot;,&quot;focal_length&quot;:&quot;0&quot;,&quot;iso&quot;:&quot;0&quot;,&quot;shutter_speed&quot;:&quot;0&quot;,&quot;title&quot;:&quot;&quot;,&quot;orientation&quot;:&quot;0&quot;}\" data-image-title=\"Capture d\u2019\u00e9cran, le 2023-05-20 \u00e0 09.36.56\" data-image-description=\"\" data-medium-file=\"https:\/\/i0.wp.com\/itayachtscanada.com\/wp-content\/uploads\/2023\/05\/Capture-decran-le-2023-05-20-a-09.36.56.png?fit=300%2C199&#038;ssl=1\" data-large-file=\"https:\/\/i0.wp.com\/itayachtscanada.com\/wp-content\/uploads\/2023\/05\/Capture-decran-le-2023-05-20-a-09.36.56.png?fit=700%2C464&#038;ssl=1\" src=\"https:\/\/i0.wp.com\/itayachtscanada.com\/wp-content\/uploads\/2023\/05\/Capture-decran-le-2023-05-20-a-09.36.56.png?w=229&#038;h=152&#038;ssl=1\" srcset=\"https:\/\/i0.wp.com\/itayachtscanada.com\/wp-content\/uploads\/2023\/05\/Capture-decran-le-2023-05-20-a-09.36.56.png?w=962&amp;ssl=1 962w, https:\/\/i0.wp.com\/itayachtscanada.com\/wp-content\/uploads\/2023\/05\/Capture-decran-le-2023-05-20-a-09.36.56.png?resize=300%2C199&amp;ssl=1 300w, https:\/\/i0.wp.com\/itayachtscanada.com\/wp-content\/uploads\/2023\/05\/Capture-decran-le-2023-05-20-a-09.36.56.png?resize=768%2C509&amp;ssl=1 768w, https:\/\/i0.wp.com\/itayachtscanada.com\/wp-content\/uploads\/2023\/05\/Capture-decran-le-2023-05-20-a-09.36.56.png?resize=700%2C464&amp;ssl=1 700w, https:\/\/i0.wp.com\/itayachtscanada.com\/wp-content\/uploads\/2023\/05\/Capture-decran-le-2023-05-20-a-09.36.56.png?resize=900%2C600&amp;ssl=1 900w, https:\/\/i0.wp.com\/itayachtscanada.com\/wp-content\/uploads\/2023\/05\/Capture-decran-le-2023-05-20-a-09.36.56.png?resize=603%2C400&amp;ssl=1 603w\" width=\"229\" height=\"152\" loading=\"lazy\" data-original-width=\"229\" data-original-height=\"152\" itemprop=\"http:\/\/schema.org\/image\" title=\"Capture d\u2019\u00e9cran, le 2023-05-20 \u00e0 09.36.56\" alt=\"Capture d\u2019\u00e9cran, le 2023-05-20 \u00e0 09.36.56\" style=\"width: 229px; height: 152px;\" \/> <\/a> <\/div> <\/div> <!-- close group --> <div class=\"gallery-group images-1\" style=\"width: 233px; height: 156px;\" data-original-width=\"233\" data-original-height=\"156\" > <div class=\"tiled-gallery-item tiled-gallery-item-small\" itemprop=\"associatedMedia\" itemscope itemtype=\"http:\/\/schema.org\/ImageObject\"> <a href=\"https:\/\/itayachtscanada.com\/fr\/listing\/ferretti-780-flybridge-2019-4249000-usd-for-sale\/capture-decran-le-2023-05-20-a-09-36-54\/\" border=\"0\" itemprop=\"url\"> <meta itemprop=\"width\" content=\"229\"> <meta itemprop=\"height\" content=\"152\"> <img decoding=\"async\" class=\"\" data-attachment-id=\"114596\" data-orig-file=\"https:\/\/itayachtscanada.com\/wp-content\/uploads\/2023\/05\/Capture-decran-le-2023-05-20-a-09.36.54.png\" data-orig-size=\"962,638\" data-comments-opened=\"1\" data-image-meta=\"{&quot;aperture&quot;:&quot;0&quot;,&quot;credit&quot;:&quot;&quot;,&quot;camera&quot;:&quot;&quot;,&quot;caption&quot;:&quot;&quot;,&quot;created_timestamp&quot;:&quot;0&quot;,&quot;copyright&quot;:&quot;&quot;,&quot;focal_length&quot;:&quot;0&quot;,&quot;iso&quot;:&quot;0&quot;,&quot;shutter_speed&quot;:&quot;0&quot;,&quot;title&quot;:&quot;&quot;,&quot;orientation&quot;:&quot;0&quot;}\" data-image-title=\"Capture d\u2019\u00e9cran, le 2023-05-20 \u00e0 09.36.54\" data-image-description=\"\" data-medium-file=\"https:\/\/i0.wp.com\/itayachtscanada.com\/wp-content\/uploads\/2023\/05\/Capture-decran-le-2023-05-20-a-09.36.54.png?fit=300%2C199&#038;ssl=1\" data-large-file=\"https:\/\/i0.wp.com\/itayachtscanada.com\/wp-content\/uploads\/2023\/05\/Capture-decran-le-2023-05-20-a-09.36.54.png?fit=700%2C464&#038;ssl=1\" src=\"https:\/\/i0.wp.com\/itayachtscanada.com\/wp-content\/uploads\/2023\/05\/Capture-decran-le-2023-05-20-a-09.36.54.png?w=229&#038;h=152&#038;ssl=1\" srcset=\"https:\/\/i0.wp.com\/itayachtscanada.com\/wp-content\/uploads\/2023\/05\/Capture-decran-le-2023-05-20-a-09.36.54.png?w=962&amp;ssl=1 962w, https:\/\/i0.wp.com\/itayachtscanada.com\/wp-content\/uploads\/2023\/05\/Capture-decran-le-2023-05-20-a-09.36.54.png?resize=300%2C199&amp;ssl=1 300w, https:\/\/i0.wp.com\/itayachtscanada.com\/wp-content\/uploads\/2023\/05\/Capture-decran-le-2023-05-20-a-09.36.54.png?resize=768%2C509&amp;ssl=1 768w, https:\/\/i0.wp.com\/itayachtscanada.com\/wp-content\/uploads\/2023\/05\/Capture-decran-le-2023-05-20-a-09.36.54.png?resize=700%2C464&amp;ssl=1 700w, https:\/\/i0.wp.com\/itayachtscanada.com\/wp-content\/uploads\/2023\/05\/Capture-decran-le-2023-05-20-a-09.36.54.png?resize=900%2C600&amp;ssl=1 900w, https:\/\/i0.wp.com\/itayachtscanada.com\/wp-content\/uploads\/2023\/05\/Capture-decran-le-2023-05-20-a-09.36.54.png?resize=603%2C400&amp;ssl=1 603w\" width=\"229\" height=\"152\" loading=\"lazy\" data-original-width=\"229\" data-original-height=\"152\" itemprop=\"http:\/\/schema.org\/image\" title=\"Capture d\u2019\u00e9cran, le 2023-05-20 \u00e0 09.36.54\" alt=\"Capture d\u2019\u00e9cran, le 2023-05-20 \u00e0 09.36.54\" style=\"width: 229px; height: 152px;\" \/> <\/a> <\/div> <\/div> <!-- close group --> <\/div> <!-- close row --> <div class=\"gallery-row\" style=\"width: 700px; height: 233px;\" data-original-width=\"700\" data-original-height=\"233\" > <div class=\"gallery-group images-1\" style=\"width: 350px; height: 233px;\" data-original-width=\"350\" data-original-height=\"233\" > <div class=\"tiled-gallery-item tiled-gallery-item-large\" itemprop=\"associatedMedia\" itemscope itemtype=\"http:\/\/schema.org\/ImageObject\"> <a href=\"https:\/\/itayachtscanada.com\/fr\/listing\/ferretti-780-flybridge-2019-4249000-usd-for-sale\/capture-decran-le-2023-05-20-a-09-36-45\/\" border=\"0\" itemprop=\"url\"> <meta itemprop=\"width\" content=\"346\"> <meta itemprop=\"height\" content=\"229\"> <img decoding=\"async\" class=\"\" data-attachment-id=\"114599\" data-orig-file=\"https:\/\/itayachtscanada.com\/wp-content\/uploads\/2023\/05\/Capture-decran-le-2023-05-20-a-09.36.45.png\" data-orig-size=\"962,638\" data-comments-opened=\"1\" data-image-meta=\"{&quot;aperture&quot;:&quot;0&quot;,&quot;credit&quot;:&quot;&quot;,&quot;camera&quot;:&quot;&quot;,&quot;caption&quot;:&quot;&quot;,&quot;created_timestamp&quot;:&quot;0&quot;,&quot;copyright&quot;:&quot;&quot;,&quot;focal_length&quot;:&quot;0&quot;,&quot;iso&quot;:&quot;0&quot;,&quot;shutter_speed&quot;:&quot;0&quot;,&quot;title&quot;:&quot;&quot;,&quot;orientation&quot;:&quot;0&quot;}\" data-image-title=\"Capture d\u2019\u00e9cran, le 2023-05-20 \u00e0 09.36.45\" data-image-description=\"\" data-medium-file=\"https:\/\/i0.wp.com\/itayachtscanada.com\/wp-content\/uploads\/2023\/05\/Capture-decran-le-2023-05-20-a-09.36.45.png?fit=300%2C199&#038;ssl=1\" data-large-file=\"https:\/\/i0.wp.com\/itayachtscanada.com\/wp-content\/uploads\/2023\/05\/Capture-decran-le-2023-05-20-a-09.36.45.png?fit=700%2C464&#038;ssl=1\" src=\"https:\/\/i0.wp.com\/itayachtscanada.com\/wp-content\/uploads\/2023\/05\/Capture-decran-le-2023-05-20-a-09.36.45.png?w=346&#038;h=229&#038;ssl=1\" srcset=\"https:\/\/i0.wp.com\/itayachtscanada.com\/wp-content\/uploads\/2023\/05\/Capture-decran-le-2023-05-20-a-09.36.45.png?w=962&amp;ssl=1 962w, https:\/\/i0.wp.com\/itayachtscanada.com\/wp-content\/uploads\/2023\/05\/Capture-decran-le-2023-05-20-a-09.36.45.png?resize=300%2C199&amp;ssl=1 300w, https:\/\/i0.wp.com\/itayachtscanada.com\/wp-content\/uploads\/2023\/05\/Capture-decran-le-2023-05-20-a-09.36.45.png?resize=768%2C509&amp;ssl=1 768w, https:\/\/i0.wp.com\/itayachtscanada.com\/wp-content\/uploads\/2023\/05\/Capture-decran-le-2023-05-20-a-09.36.45.png?resize=700%2C464&amp;ssl=1 700w, https:\/\/i0.wp.com\/itayachtscanada.com\/wp-content\/uploads\/2023\/05\/Capture-decran-le-2023-05-20-a-09.36.45.png?resize=603%2C400&amp;ssl=1 603w\" width=\"346\" height=\"229\" loading=\"lazy\" data-original-width=\"346\" data-original-height=\"229\" itemprop=\"http:\/\/schema.org\/image\" title=\"Capture d\u2019\u00e9cran, le 2023-05-20 \u00e0 09.36.45\" alt=\"Capture d\u2019\u00e9cran, le 2023-05-20 \u00e0 09.36.45\" style=\"width: 346px; height: 229px;\" \/> <\/a> <\/div> <\/div> <!-- close group --> <div class=\"gallery-group images-1\" style=\"width: 350px; height: 233px;\" data-original-width=\"350\" data-original-height=\"233\" > <div class=\"tiled-gallery-item tiled-gallery-item-large\" itemprop=\"associatedMedia\" itemscope itemtype=\"http:\/\/schema.org\/ImageObject\"> <a href=\"https:\/\/itayachtscanada.com\/fr\/listing\/ferretti-780-flybridge-2019-4249000-usd-for-sale\/capture-decran-le-2023-05-20-a-09-36-41\/\" border=\"0\" itemprop=\"url\"> <meta itemprop=\"width\" content=\"346\"> <meta itemprop=\"height\" content=\"229\"> <img decoding=\"async\" class=\"\" data-attachment-id=\"114600\" data-orig-file=\"https:\/\/itayachtscanada.com\/wp-content\/uploads\/2023\/05\/Capture-decran-le-2023-05-20-a-09.36.41.png\" data-orig-size=\"962,638\" data-comments-opened=\"1\" data-image-meta=\"{&quot;aperture&quot;:&quot;0&quot;,&quot;credit&quot;:&quot;&quot;,&quot;camera&quot;:&quot;&quot;,&quot;caption&quot;:&quot;&quot;,&quot;created_timestamp&quot;:&quot;0&quot;,&quot;copyright&quot;:&quot;&quot;,&quot;focal_length&quot;:&quot;0&quot;,&quot;iso&quot;:&quot;0&quot;,&quot;shutter_speed&quot;:&quot;0&quot;,&quot;title&quot;:&quot;&quot;,&quot;orientation&quot;:&quot;0&quot;}\" data-image-title=\"Capture d\u2019\u00e9cran, le 2023-05-20 \u00e0 09.36.41\" data-image-description=\"\" data-medium-file=\"https:\/\/i0.wp.com\/itayachtscanada.com\/wp-content\/uploads\/2023\/05\/Capture-decran-le-2023-05-20-a-09.36.41.png?fit=300%2C199&#038;ssl=1\" data-large-file=\"https:\/\/i0.wp.com\/itayachtscanada.com\/wp-content\/uploads\/2023\/05\/Capture-decran-le-2023-05-20-a-09.36.41.png?fit=700%2C464&#038;ssl=1\" src=\"https:\/\/i0.wp.com\/itayachtscanada.com\/wp-content\/uploads\/2023\/05\/Capture-decran-le-2023-05-20-a-09.36.41.png?w=346&#038;h=229&#038;ssl=1\" srcset=\"https:\/\/i0.wp.com\/itayachtscanada.com\/wp-content\/uploads\/2023\/05\/Capture-decran-le-2023-05-20-a-09.36.41.png?w=962&amp;ssl=1 962w, https:\/\/i0.wp.com\/itayachtscanada.com\/wp-content\/uploads\/2023\/05\/Capture-decran-le-2023-05-20-a-09.36.41.png?resize=300%2C199&amp;ssl=1 300w, https:\/\/i0.wp.com\/itayachtscanada.com\/wp-content\/uploads\/2023\/05\/Capture-decran-le-2023-05-20-a-09.36.41.png?resize=768%2C509&amp;ssl=1 768w, https:\/\/i0.wp.com\/itayachtscanada.com\/wp-content\/uploads\/2023\/05\/Capture-decran-le-2023-05-20-a-09.36.41.png?resize=700%2C464&amp;ssl=1 700w, https:\/\/i0.wp.com\/itayachtscanada.com\/wp-content\/uploads\/2023\/05\/Capture-decran-le-2023-05-20-a-09.36.41.png?resize=603%2C400&amp;ssl=1 603w\" width=\"346\" height=\"229\" loading=\"lazy\" data-original-width=\"346\" data-original-height=\"229\" itemprop=\"http:\/\/schema.org\/image\" title=\"Capture d\u2019\u00e9cran, le 2023-05-20 \u00e0 09.36.41\" alt=\"Capture d\u2019\u00e9cran, le 2023-05-20 \u00e0 09.36.41\" style=\"width: 346px; height: 229px;\" \/> <\/a> <\/div> <\/div> <!-- close group --> <\/div> <!-- close row --> <div class=\"gallery-row\" style=\"width: 700px; height: 311px;\" data-original-width=\"700\" data-original-height=\"311\" > <div class=\"gallery-group images-1\" style=\"width: 467px; height: 311px;\" data-original-width=\"467\" data-original-height=\"311\" > <div class=\"tiled-gallery-item tiled-gallery-item-large\" itemprop=\"associatedMedia\" itemscope itemtype=\"http:\/\/schema.org\/ImageObject\"> <a href=\"https:\/\/itayachtscanada.com\/fr\/listing\/ferretti-780-flybridge-2019-4249000-usd-for-sale\/capture-decran-le-2023-05-20-a-09-36-48\/\" border=\"0\" itemprop=\"url\"> <meta itemprop=\"width\" content=\"463\"> <meta itemprop=\"height\" content=\"307\"> <img decoding=\"async\" class=\"\" data-attachment-id=\"114598\" data-orig-file=\"https:\/\/itayachtscanada.com\/wp-content\/uploads\/2023\/05\/Capture-decran-le-2023-05-20-a-09.36.48.png\" data-orig-size=\"962,638\" data-comments-opened=\"1\" data-image-meta=\"{&quot;aperture&quot;:&quot;0&quot;,&quot;credit&quot;:&quot;&quot;,&quot;camera&quot;:&quot;&quot;,&quot;caption&quot;:&quot;&quot;,&quot;created_timestamp&quot;:&quot;0&quot;,&quot;copyright&quot;:&quot;&quot;,&quot;focal_length&quot;:&quot;0&quot;,&quot;iso&quot;:&quot;0&quot;,&quot;shutter_speed&quot;:&quot;0&quot;,&quot;title&quot;:&quot;&quot;,&quot;orientation&quot;:&quot;0&quot;}\" data-image-title=\"Capture d\u2019\u00e9cran, le 2023-05-20 \u00e0 09.36.48\" data-image-description=\"\" data-medium-file=\"https:\/\/i0.wp.com\/itayachtscanada.com\/wp-content\/uploads\/2023\/05\/Capture-decran-le-2023-05-20-a-09.36.48.png?fit=300%2C199&#038;ssl=1\" data-large-file=\"https:\/\/i0.wp.com\/itayachtscanada.com\/wp-content\/uploads\/2023\/05\/Capture-decran-le-2023-05-20-a-09.36.48.png?fit=700%2C464&#038;ssl=1\" src=\"https:\/\/i0.wp.com\/itayachtscanada.com\/wp-content\/uploads\/2023\/05\/Capture-decran-le-2023-05-20-a-09.36.48.png?w=463&#038;h=307&#038;ssl=1\" srcset=\"https:\/\/i0.wp.com\/itayachtscanada.com\/wp-content\/uploads\/2023\/05\/Capture-decran-le-2023-05-20-a-09.36.48.png?w=962&amp;ssl=1 962w, https:\/\/i0.wp.com\/itayachtscanada.com\/wp-content\/uploads\/2023\/05\/Capture-decran-le-2023-05-20-a-09.36.48.png?resize=300%2C199&amp;ssl=1 300w, https:\/\/i0.wp.com\/itayachtscanada.com\/wp-content\/uploads\/2023\/05\/Capture-decran-le-2023-05-20-a-09.36.48.png?resize=768%2C509&amp;ssl=1 768w, https:\/\/i0.wp.com\/itayachtscanada.com\/wp-content\/uploads\/2023\/05\/Capture-decran-le-2023-05-20-a-09.36.48.png?resize=700%2C464&amp;ssl=1 700w, https:\/\/i0.wp.com\/itayachtscanada.com\/wp-content\/uploads\/2023\/05\/Capture-decran-le-2023-05-20-a-09.36.48.png?resize=603%2C400&amp;ssl=1 603w\" width=\"463\" height=\"307\" loading=\"lazy\" data-original-width=\"463\" data-original-height=\"307\" itemprop=\"http:\/\/schema.org\/image\" title=\"Capture d\u2019\u00e9cran, le 2023-05-20 \u00e0 09.36.48\" alt=\"Capture d\u2019\u00e9cran, le 2023-05-20 \u00e0 09.36.48\" style=\"width: 463px; height: 307px;\" \/> <\/a> <\/div> <\/div> <!-- close group --> <div class=\"gallery-group images-2\" style=\"width: 233px; height: 311px;\" data-original-width=\"233\" data-original-height=\"311\" > <div class=\"tiled-gallery-item tiled-gallery-item-small\" itemprop=\"associatedMedia\" itemscope itemtype=\"http:\/\/schema.org\/ImageObject\"> <a href=\"https:\/\/itayachtscanada.com\/fr\/listing\/ferretti-780-flybridge-2019-4249000-usd-for-sale\/capture-decran-le-2023-05-20-a-09-36-51\/\" border=\"0\" itemprop=\"url\"> <meta itemprop=\"width\" content=\"229\"> <meta itemprop=\"height\" content=\"152\"> <img decoding=\"async\" class=\"\" data-attachment-id=\"114597\" data-orig-file=\"https:\/\/itayachtscanada.com\/wp-content\/uploads\/2023\/05\/Capture-decran-le-2023-05-20-a-09.36.51.png\" data-orig-size=\"962,638\" data-comments-opened=\"1\" data-image-meta=\"{&quot;aperture&quot;:&quot;0&quot;,&quot;credit&quot;:&quot;&quot;,&quot;camera&quot;:&quot;&quot;,&quot;caption&quot;:&quot;&quot;,&quot;created_timestamp&quot;:&quot;0&quot;,&quot;copyright&quot;:&quot;&quot;,&quot;focal_length&quot;:&quot;0&quot;,&quot;iso&quot;:&quot;0&quot;,&quot;shutter_speed&quot;:&quot;0&quot;,&quot;title&quot;:&quot;&quot;,&quot;orientation&quot;:&quot;0&quot;}\" data-image-title=\"Capture d\u2019\u00e9cran, le 2023-05-20 \u00e0 09.36.51\" data-image-description=\"\" data-medium-file=\"https:\/\/i0.wp.com\/itayachtscanada.com\/wp-content\/uploads\/2023\/05\/Capture-decran-le-2023-05-20-a-09.36.51.png?fit=300%2C199&#038;ssl=1\" data-large-file=\"https:\/\/i0.wp.com\/itayachtscanada.com\/wp-content\/uploads\/2023\/05\/Capture-decran-le-2023-05-20-a-09.36.51.png?fit=700%2C464&#038;ssl=1\" src=\"https:\/\/i0.wp.com\/itayachtscanada.com\/wp-content\/uploads\/2023\/05\/Capture-decran-le-2023-05-20-a-09.36.51.png?w=229&#038;h=152&#038;ssl=1\" srcset=\"https:\/\/i0.wp.com\/itayachtscanada.com\/wp-content\/uploads\/2023\/05\/Capture-decran-le-2023-05-20-a-09.36.51.png?w=962&amp;ssl=1 962w, https:\/\/i0.wp.com\/itayachtscanada.com\/wp-content\/uploads\/2023\/05\/Capture-decran-le-2023-05-20-a-09.36.51.png?resize=300%2C199&amp;ssl=1 300w, https:\/\/i0.wp.com\/itayachtscanada.com\/wp-content\/uploads\/2023\/05\/Capture-decran-le-2023-05-20-a-09.36.51.png?resize=768%2C509&amp;ssl=1 768w, https:\/\/i0.wp.com\/itayachtscanada.com\/wp-content\/uploads\/2023\/05\/Capture-decran-le-2023-05-20-a-09.36.51.png?resize=700%2C464&amp;ssl=1 700w, https:\/\/i0.wp.com\/itayachtscanada.com\/wp-content\/uploads\/2023\/05\/Capture-decran-le-2023-05-20-a-09.36.51.png?resize=900%2C600&amp;ssl=1 900w, https:\/\/i0.wp.com\/itayachtscanada.com\/wp-content\/uploads\/2023\/05\/Capture-decran-le-2023-05-20-a-09.36.51.png?resize=603%2C400&amp;ssl=1 603w\" width=\"229\" height=\"152\" loading=\"lazy\" data-original-width=\"229\" data-original-height=\"152\" itemprop=\"http:\/\/schema.org\/image\" title=\"Capture d\u2019\u00e9cran, le 2023-05-20 \u00e0 09.36.51\" alt=\"Capture d\u2019\u00e9cran, le 2023-05-20 \u00e0 09.36.51\" style=\"width: 229px; height: 152px;\" \/> <\/a> <\/div> <div class=\"tiled-gallery-item tiled-gallery-item-small\" itemprop=\"associatedMedia\" itemscope itemtype=\"http:\/\/schema.org\/ImageObject\"> <a href=\"https:\/\/itayachtscanada.com\/fr\/listing\/ferretti-780-flybridge-2019-4249000-usd-for-sale\/capture-decran-le-2023-05-20-a-09-37-10\/\" border=\"0\" itemprop=\"url\"> <meta itemprop=\"width\" content=\"229\"> <meta itemprop=\"height\" content=\"151\"> <img decoding=\"async\" class=\"\" data-attachment-id=\"114591\" data-orig-file=\"https:\/\/itayachtscanada.com\/wp-content\/uploads\/2023\/05\/Capture-decran-le-2023-05-20-a-09.37.10.png\" data-orig-size=\"962,638\" data-comments-opened=\"1\" data-image-meta=\"{&quot;aperture&quot;:&quot;0&quot;,&quot;credit&quot;:&quot;&quot;,&quot;camera&quot;:&quot;&quot;,&quot;caption&quot;:&quot;&quot;,&quot;created_timestamp&quot;:&quot;0&quot;,&quot;copyright&quot;:&quot;&quot;,&quot;focal_length&quot;:&quot;0&quot;,&quot;iso&quot;:&quot;0&quot;,&quot;shutter_speed&quot;:&quot;0&quot;,&quot;title&quot;:&quot;&quot;,&quot;orientation&quot;:&quot;0&quot;}\" data-image-title=\"Capture d\u2019\u00e9cran, le 2023-05-20 \u00e0 09.37.10\" data-image-description=\"\" data-medium-file=\"https:\/\/i0.wp.com\/itayachtscanada.com\/wp-content\/uploads\/2023\/05\/Capture-decran-le-2023-05-20-a-09.37.10.png?fit=300%2C199&#038;ssl=1\" data-large-file=\"https:\/\/i0.wp.com\/itayachtscanada.com\/wp-content\/uploads\/2023\/05\/Capture-decran-le-2023-05-20-a-09.37.10.png?fit=700%2C464&#038;ssl=1\" src=\"https:\/\/i0.wp.com\/itayachtscanada.com\/wp-content\/uploads\/2023\/05\/Capture-decran-le-2023-05-20-a-09.37.10.png?w=229&#038;h=151&#038;ssl=1\" srcset=\"https:\/\/i0.wp.com\/itayachtscanada.com\/wp-content\/uploads\/2023\/05\/Capture-decran-le-2023-05-20-a-09.37.10.png?w=962&amp;ssl=1 962w, https:\/\/i0.wp.com\/itayachtscanada.com\/wp-content\/uploads\/2023\/05\/Capture-decran-le-2023-05-20-a-09.37.10.png?resize=300%2C199&amp;ssl=1 300w, https:\/\/i0.wp.com\/itayachtscanada.com\/wp-content\/uploads\/2023\/05\/Capture-decran-le-2023-05-20-a-09.37.10.png?resize=768%2C509&amp;ssl=1 768w, https:\/\/i0.wp.com\/itayachtscanada.com\/wp-content\/uploads\/2023\/05\/Capture-decran-le-2023-05-20-a-09.37.10.png?resize=700%2C464&amp;ssl=1 700w, https:\/\/i0.wp.com\/itayachtscanada.com\/wp-content\/uploads\/2023\/05\/Capture-decran-le-2023-05-20-a-09.37.10.png?resize=603%2C400&amp;ssl=1 603w\" width=\"229\" height=\"151\" loading=\"lazy\" data-original-width=\"229\" data-original-height=\"151\" itemprop=\"http:\/\/schema.org\/image\" title=\"Capture d\u2019\u00e9cran, le 2023-05-20 \u00e0 09.37.10\" alt=\"Capture d\u2019\u00e9cran, le 2023-05-20 \u00e0 09.37.10\" style=\"width: 229px; height: 151px;\" \/> <\/a> <\/div> <\/div> <!-- close group --> <\/div> <!-- close row --> <div class=\"gallery-row\" style=\"width: 700px; height: 311px;\" data-original-width=\"700\" data-original-height=\"311\" > <div class=\"gallery-group images-2\" style=\"width: 233px; height: 311px;\" data-original-width=\"233\" data-original-height=\"311\" > <div class=\"tiled-gallery-item tiled-gallery-item-small\" itemprop=\"associatedMedia\" itemscope itemtype=\"http:\/\/schema.org\/ImageObject\"> <a href=\"https:\/\/itayachtscanada.com\/fr\/listing\/ferretti-780-flybridge-2019-4249000-usd-for-sale\/capture-decran-le-2023-05-20-a-09-36-38\/\" border=\"0\" itemprop=\"url\"> <meta itemprop=\"width\" content=\"229\"> <meta itemprop=\"height\" content=\"152\"> <img decoding=\"async\" class=\"\" data-attachment-id=\"114601\" data-orig-file=\"https:\/\/itayachtscanada.com\/wp-content\/uploads\/2023\/05\/Capture-decran-le-2023-05-20-a-09.36.38.png\" data-orig-size=\"962,638\" data-comments-opened=\"1\" data-image-meta=\"{&quot;aperture&quot;:&quot;0&quot;,&quot;credit&quot;:&quot;&quot;,&quot;camera&quot;:&quot;&quot;,&quot;caption&quot;:&quot;&quot;,&quot;created_timestamp&quot;:&quot;0&quot;,&quot;copyright&quot;:&quot;&quot;,&quot;focal_length&quot;:&quot;0&quot;,&quot;iso&quot;:&quot;0&quot;,&quot;shutter_speed&quot;:&quot;0&quot;,&quot;title&quot;:&quot;&quot;,&quot;orientation&quot;:&quot;0&quot;}\" data-image-title=\"Capture d\u2019\u00e9cran, le 2023-05-20 \u00e0 09.36.38\" data-image-description=\"\" data-medium-file=\"https:\/\/i0.wp.com\/itayachtscanada.com\/wp-content\/uploads\/2023\/05\/Capture-decran-le-2023-05-20-a-09.36.38.png?fit=300%2C199&#038;ssl=1\" data-large-file=\"https:\/\/i0.wp.com\/itayachtscanada.com\/wp-content\/uploads\/2023\/05\/Capture-decran-le-2023-05-20-a-09.36.38.png?fit=700%2C464&#038;ssl=1\" src=\"https:\/\/i0.wp.com\/itayachtscanada.com\/wp-content\/uploads\/2023\/05\/Capture-decran-le-2023-05-20-a-09.36.38.png?w=229&#038;h=152&#038;ssl=1\" srcset=\"https:\/\/i0.wp.com\/itayachtscanada.com\/wp-content\/uploads\/2023\/05\/Capture-decran-le-2023-05-20-a-09.36.38.png?w=962&amp;ssl=1 962w, https:\/\/i0.wp.com\/itayachtscanada.com\/wp-content\/uploads\/2023\/05\/Capture-decran-le-2023-05-20-a-09.36.38.png?resize=300%2C199&amp;ssl=1 300w, https:\/\/i0.wp.com\/itayachtscanada.com\/wp-content\/uploads\/2023\/05\/Capture-decran-le-2023-05-20-a-09.36.38.png?resize=768%2C509&amp;ssl=1 768w, https:\/\/i0.wp.com\/itayachtscanada.com\/wp-content\/uploads\/2023\/05\/Capture-decran-le-2023-05-20-a-09.36.38.png?resize=700%2C464&amp;ssl=1 700w, https:\/\/i0.wp.com\/itayachtscanada.com\/wp-content\/uploads\/2023\/05\/Capture-decran-le-2023-05-20-a-09.36.38.png?resize=900%2C600&amp;ssl=1 900w, https:\/\/i0.wp.com\/itayachtscanada.com\/wp-content\/uploads\/2023\/05\/Capture-decran-le-2023-05-20-a-09.36.38.png?resize=603%2C400&amp;ssl=1 603w\" width=\"229\" height=\"152\" loading=\"lazy\" data-original-width=\"229\" data-original-height=\"152\" itemprop=\"http:\/\/schema.org\/image\" title=\"Capture d\u2019\u00e9cran, le 2023-05-20 \u00e0 09.36.38\" alt=\"Capture d\u2019\u00e9cran, le 2023-05-20 \u00e0 09.36.38\" style=\"width: 229px; height: 152px;\" \/> <\/a> <\/div> <div class=\"tiled-gallery-item tiled-gallery-item-small\" itemprop=\"associatedMedia\" itemscope itemtype=\"http:\/\/schema.org\/ImageObject\"> <a href=\"https:\/\/itayachtscanada.com\/fr\/listing\/ferretti-780-flybridge-2019-4249000-usd-for-sale\/capture-decran-le-2023-05-20-a-09-36-35\/\" border=\"0\" itemprop=\"url\"> <meta itemprop=\"width\" content=\"229\"> <meta itemprop=\"height\" content=\"151\"> <img decoding=\"async\" class=\"\" data-attachment-id=\"114602\" data-orig-file=\"https:\/\/itayachtscanada.com\/wp-content\/uploads\/2023\/05\/Capture-decran-le-2023-05-20-a-09.36.35.png\" data-orig-size=\"962,638\" data-comments-opened=\"1\" data-image-meta=\"{&quot;aperture&quot;:&quot;0&quot;,&quot;credit&quot;:&quot;&quot;,&quot;camera&quot;:&quot;&quot;,&quot;caption&quot;:&quot;&quot;,&quot;created_timestamp&quot;:&quot;0&quot;,&quot;copyright&quot;:&quot;&quot;,&quot;focal_length&quot;:&quot;0&quot;,&quot;iso&quot;:&quot;0&quot;,&quot;shutter_speed&quot;:&quot;0&quot;,&quot;title&quot;:&quot;&quot;,&quot;orientation&quot;:&quot;0&quot;}\" data-image-title=\"Capture d\u2019\u00e9cran, le 2023-05-20 \u00e0 09.36.35\" data-image-description=\"\" data-medium-file=\"https:\/\/i0.wp.com\/itayachtscanada.com\/wp-content\/uploads\/2023\/05\/Capture-decran-le-2023-05-20-a-09.36.35.png?fit=300%2C199&#038;ssl=1\" data-large-file=\"https:\/\/i0.wp.com\/itayachtscanada.com\/wp-content\/uploads\/2023\/05\/Capture-decran-le-2023-05-20-a-09.36.35.png?fit=700%2C464&#038;ssl=1\" src=\"https:\/\/i0.wp.com\/itayachtscanada.com\/wp-content\/uploads\/2023\/05\/Capture-decran-le-2023-05-20-a-09.36.35.png?w=229&#038;h=151&#038;ssl=1\" srcset=\"https:\/\/i0.wp.com\/itayachtscanada.com\/wp-content\/uploads\/2023\/05\/Capture-decran-le-2023-05-20-a-09.36.35.png?w=962&amp;ssl=1 962w, https:\/\/i0.wp.com\/itayachtscanada.com\/wp-content\/uploads\/2023\/05\/Capture-decran-le-2023-05-20-a-09.36.35.png?resize=300%2C199&amp;ssl=1 300w, https:\/\/i0.wp.com\/itayachtscanada.com\/wp-content\/uploads\/2023\/05\/Capture-decran-le-2023-05-20-a-09.36.35.png?resize=768%2C509&amp;ssl=1 768w, https:\/\/i0.wp.com\/itayachtscanada.com\/wp-content\/uploads\/2023\/05\/Capture-decran-le-2023-05-20-a-09.36.35.png?resize=700%2C464&amp;ssl=1 700w, https:\/\/i0.wp.com\/itayachtscanada.com\/wp-content\/uploads\/2023\/05\/Capture-decran-le-2023-05-20-a-09.36.35.png?resize=603%2C400&amp;ssl=1 603w\" width=\"229\" height=\"151\" loading=\"lazy\" data-original-width=\"229\" data-original-height=\"151\" itemprop=\"http:\/\/schema.org\/image\" title=\"Capture d\u2019\u00e9cran, le 2023-05-20 \u00e0 09.36.35\" alt=\"Capture d\u2019\u00e9cran, le 2023-05-20 \u00e0 09.36.35\" style=\"width: 229px; height: 151px;\" \/> <\/a> <\/div> <\/div> <!-- close group --> <div class=\"gallery-group images-1\" style=\"width: 467px; height: 311px;\" data-original-width=\"467\" data-original-height=\"311\" > <div class=\"tiled-gallery-item tiled-gallery-item-large\" itemprop=\"associatedMedia\" itemscope itemtype=\"http:\/\/schema.org\/ImageObject\"> <a href=\"https:\/\/itayachtscanada.com\/fr\/listing\/ferretti-780-flybridge-2019-4249000-usd-for-sale\/capture-decran-le-2023-05-20-a-09-36-32\/\" border=\"0\" itemprop=\"url\"> <meta itemprop=\"width\" content=\"463\"> <meta itemprop=\"height\" content=\"307\"> <img decoding=\"async\" class=\"\" data-attachment-id=\"114603\" data-orig-file=\"https:\/\/itayachtscanada.com\/wp-content\/uploads\/2023\/05\/Capture-decran-le-2023-05-20-a-09.36.32.png\" data-orig-size=\"962,638\" data-comments-opened=\"1\" data-image-meta=\"{&quot;aperture&quot;:&quot;0&quot;,&quot;credit&quot;:&quot;&quot;,&quot;camera&quot;:&quot;&quot;,&quot;caption&quot;:&quot;&quot;,&quot;created_timestamp&quot;:&quot;0&quot;,&quot;copyright&quot;:&quot;&quot;,&quot;focal_length&quot;:&quot;0&quot;,&quot;iso&quot;:&quot;0&quot;,&quot;shutter_speed&quot;:&quot;0&quot;,&quot;title&quot;:&quot;&quot;,&quot;orientation&quot;:&quot;0&quot;}\" data-image-title=\"Capture d\u2019\u00e9cran, le 2023-05-20 \u00e0 09.36.32\" data-image-description=\"\" data-medium-file=\"https:\/\/i0.wp.com\/itayachtscanada.com\/wp-content\/uploads\/2023\/05\/Capture-decran-le-2023-05-20-a-09.36.32.png?fit=300%2C199&#038;ssl=1\" data-large-file=\"https:\/\/i0.wp.com\/itayachtscanada.com\/wp-content\/uploads\/2023\/05\/Capture-decran-le-2023-05-20-a-09.36.32.png?fit=700%2C464&#038;ssl=1\" src=\"https:\/\/i0.wp.com\/itayachtscanada.com\/wp-content\/uploads\/2023\/05\/Capture-decran-le-2023-05-20-a-09.36.32.png?w=463&#038;h=307&#038;ssl=1\" srcset=\"https:\/\/i0.wp.com\/itayachtscanada.com\/wp-content\/uploads\/2023\/05\/Capture-decran-le-2023-05-20-a-09.36.32.png?w=962&amp;ssl=1 962w, https:\/\/i0.wp.com\/itayachtscanada.com\/wp-content\/uploads\/2023\/05\/Capture-decran-le-2023-05-20-a-09.36.32.png?resize=300%2C199&amp;ssl=1 300w, https:\/\/i0.wp.com\/itayachtscanada.com\/wp-content\/uploads\/2023\/05\/Capture-decran-le-2023-05-20-a-09.36.32.png?resize=768%2C509&amp;ssl=1 768w, https:\/\/i0.wp.com\/itayachtscanada.com\/wp-content\/uploads\/2023\/05\/Capture-decran-le-2023-05-20-a-09.36.32.png?resize=700%2C464&amp;ssl=1 700w, https:\/\/i0.wp.com\/itayachtscanada.com\/wp-content\/uploads\/2023\/05\/Capture-decran-le-2023-05-20-a-09.36.32.png?resize=603%2C400&amp;ssl=1 603w\" width=\"463\" height=\"307\" loading=\"lazy\" data-original-width=\"463\" data-original-height=\"307\" itemprop=\"http:\/\/schema.org\/image\" title=\"Capture d\u2019\u00e9cran, le 2023-05-20 \u00e0 09.36.32\" alt=\"Capture d\u2019\u00e9cran, le 2023-05-20 \u00e0 09.36.32\" style=\"width: 463px; height: 307px;\" \/> <\/a> <\/div> <\/div> <!-- close group --> <\/div> <!-- close row --> <div class=\"gallery-row\" style=\"width: 700px; height: 156px;\" data-original-width=\"700\" data-original-height=\"156\" > <div class=\"gallery-group images-1\" style=\"width: 234px; height: 156px;\" data-original-width=\"234\" data-original-height=\"156\" > <div class=\"tiled-gallery-item tiled-gallery-item-small\" itemprop=\"associatedMedia\" itemscope itemtype=\"http:\/\/schema.org\/ImageObject\"> <a href=\"https:\/\/itayachtscanada.com\/fr\/listing\/ferretti-780-flybridge-2019-4249000-usd-for-sale\/capture-decran-le-2023-05-20-a-09-36-28\/\" border=\"0\" itemprop=\"url\"> <meta itemprop=\"width\" content=\"230\"> <meta itemprop=\"height\" content=\"152\"> <img decoding=\"async\" class=\"\" data-attachment-id=\"114604\" data-orig-file=\"https:\/\/itayachtscanada.com\/wp-content\/uploads\/2023\/05\/Capture-decran-le-2023-05-20-a-09.36.28.png\" data-orig-size=\"962,638\" data-comments-opened=\"1\" data-image-meta=\"{&quot;aperture&quot;:&quot;0&quot;,&quot;credit&quot;:&quot;&quot;,&quot;camera&quot;:&quot;&quot;,&quot;caption&quot;:&quot;&quot;,&quot;created_timestamp&quot;:&quot;0&quot;,&quot;copyright&quot;:&quot;&quot;,&quot;focal_length&quot;:&quot;0&quot;,&quot;iso&quot;:&quot;0&quot;,&quot;shutter_speed&quot;:&quot;0&quot;,&quot;title&quot;:&quot;&quot;,&quot;orientation&quot;:&quot;0&quot;}\" data-image-title=\"Capture d\u2019\u00e9cran, le 2023-05-20 \u00e0 09.36.28\" data-image-description=\"\" data-medium-file=\"https:\/\/i0.wp.com\/itayachtscanada.com\/wp-content\/uploads\/2023\/05\/Capture-decran-le-2023-05-20-a-09.36.28.png?fit=300%2C199&#038;ssl=1\" data-large-file=\"https:\/\/i0.wp.com\/itayachtscanada.com\/wp-content\/uploads\/2023\/05\/Capture-decran-le-2023-05-20-a-09.36.28.png?fit=700%2C464&#038;ssl=1\" src=\"https:\/\/i0.wp.com\/itayachtscanada.com\/wp-content\/uploads\/2023\/05\/Capture-decran-le-2023-05-20-a-09.36.28.png?w=230&#038;h=152&#038;ssl=1\" srcset=\"https:\/\/i0.wp.com\/itayachtscanada.com\/wp-content\/uploads\/2023\/05\/Capture-decran-le-2023-05-20-a-09.36.28.png?w=962&amp;ssl=1 962w, https:\/\/i0.wp.com\/itayachtscanada.com\/wp-content\/uploads\/2023\/05\/Capture-decran-le-2023-05-20-a-09.36.28.png?resize=300%2C199&amp;ssl=1 300w, https:\/\/i0.wp.com\/itayachtscanada.com\/wp-content\/uploads\/2023\/05\/Capture-decran-le-2023-05-20-a-09.36.28.png?resize=768%2C509&amp;ssl=1 768w, https:\/\/i0.wp.com\/itayachtscanada.com\/wp-content\/uploads\/2023\/05\/Capture-decran-le-2023-05-20-a-09.36.28.png?resize=700%2C464&amp;ssl=1 700w, https:\/\/i0.wp.com\/itayachtscanada.com\/wp-content\/uploads\/2023\/05\/Capture-decran-le-2023-05-20-a-09.36.28.png?resize=900%2C600&amp;ssl=1 900w, https:\/\/i0.wp.com\/itayachtscanada.com\/wp-content\/uploads\/2023\/05\/Capture-decran-le-2023-05-20-a-09.36.28.png?resize=603%2C400&amp;ssl=1 603w\" width=\"230\" height=\"152\" loading=\"lazy\" data-original-width=\"230\" data-original-height=\"152\" itemprop=\"http:\/\/schema.org\/image\" title=\"Capture d\u2019\u00e9cran, le 2023-05-20 \u00e0 09.36.28\" alt=\"Capture d\u2019\u00e9cran, le 2023-05-20 \u00e0 09.36.28\" style=\"width: 230px; height: 152px;\" \/> <\/a> <\/div> <\/div> <!-- close group --> <div class=\"gallery-group images-1\" style=\"width: 233px; height: 156px;\" data-original-width=\"233\" data-original-height=\"156\" > <div class=\"tiled-gallery-item tiled-gallery-item-small\" itemprop=\"associatedMedia\" itemscope itemtype=\"http:\/\/schema.org\/ImageObject\"> <a href=\"https:\/\/itayachtscanada.com\/fr\/listing\/ferretti-780-flybridge-2019-4249000-usd-for-sale\/capture-decran-le-2023-05-20-a-09-36-25\/\" border=\"0\" itemprop=\"url\"> <meta itemprop=\"width\" content=\"229\"> <meta itemprop=\"height\" content=\"152\"> <img decoding=\"async\" class=\"\" data-attachment-id=\"114605\" data-orig-file=\"https:\/\/itayachtscanada.com\/wp-content\/uploads\/2023\/05\/Capture-decran-le-2023-05-20-a-09.36.25.png\" data-orig-size=\"962,638\" data-comments-opened=\"1\" data-image-meta=\"{&quot;aperture&quot;:&quot;0&quot;,&quot;credit&quot;:&quot;&quot;,&quot;camera&quot;:&quot;&quot;,&quot;caption&quot;:&quot;&quot;,&quot;created_timestamp&quot;:&quot;0&quot;,&quot;copyright&quot;:&quot;&quot;,&quot;focal_length&quot;:&quot;0&quot;,&quot;iso&quot;:&quot;0&quot;,&quot;shutter_speed&quot;:&quot;0&quot;,&quot;title&quot;:&quot;&quot;,&quot;orientation&quot;:&quot;0&quot;}\" data-image-title=\"Capture d\u2019\u00e9cran, le 2023-05-20 \u00e0 09.36.25\" data-image-description=\"\" data-medium-file=\"https:\/\/i0.wp.com\/itayachtscanada.com\/wp-content\/uploads\/2023\/05\/Capture-decran-le-2023-05-20-a-09.36.25.png?fit=300%2C199&#038;ssl=1\" data-large-file=\"https:\/\/i0.wp.com\/itayachtscanada.com\/wp-content\/uploads\/2023\/05\/Capture-decran-le-2023-05-20-a-09.36.25.png?fit=700%2C464&#038;ssl=1\" src=\"https:\/\/i0.wp.com\/itayachtscanada.com\/wp-content\/uploads\/2023\/05\/Capture-decran-le-2023-05-20-a-09.36.25.png?w=229&#038;h=152&#038;ssl=1\" srcset=\"https:\/\/i0.wp.com\/itayachtscanada.com\/wp-content\/uploads\/2023\/05\/Capture-decran-le-2023-05-20-a-09.36.25.png?w=962&amp;ssl=1 962w, https:\/\/i0.wp.com\/itayachtscanada.com\/wp-content\/uploads\/2023\/05\/Capture-decran-le-2023-05-20-a-09.36.25.png?resize=300%2C199&amp;ssl=1 300w, https:\/\/i0.wp.com\/itayachtscanada.com\/wp-content\/uploads\/2023\/05\/Capture-decran-le-2023-05-20-a-09.36.25.png?resize=768%2C509&amp;ssl=1 768w, https:\/\/i0.wp.com\/itayachtscanada.com\/wp-content\/uploads\/2023\/05\/Capture-decran-le-2023-05-20-a-09.36.25.png?resize=700%2C464&amp;ssl=1 700w, https:\/\/i0.wp.com\/itayachtscanada.com\/wp-content\/uploads\/2023\/05\/Capture-decran-le-2023-05-20-a-09.36.25.png?resize=900%2C600&amp;ssl=1 900w, https:\/\/i0.wp.com\/itayachtscanada.com\/wp-content\/uploads\/2023\/05\/Capture-decran-le-2023-05-20-a-09.36.25.png?resize=603%2C400&amp;ssl=1 603w\" width=\"229\" height=\"152\" loading=\"lazy\" data-original-width=\"229\" data-original-height=\"152\" itemprop=\"http:\/\/schema.org\/image\" title=\"Capture d\u2019\u00e9cran, le 2023-05-20 \u00e0 09.36.25\" alt=\"Capture d\u2019\u00e9cran, le 2023-05-20 \u00e0 09.36.25\" style=\"width: 229px; height: 152px;\" \/> <\/a> <\/div> <\/div> <!-- close group --> <div class=\"gallery-group images-1\" style=\"width: 233px; height: 156px;\" data-original-width=\"233\" data-original-height=\"156\" > <div class=\"tiled-gallery-item tiled-gallery-item-small\" itemprop=\"associatedMedia\" itemscope itemtype=\"http:\/\/schema.org\/ImageObject\"> <a href=\"https:\/\/itayachtscanada.com\/fr\/listing\/ferretti-780-flybridge-2019-4249000-usd-for-sale\/capture-decran-le-2023-05-20-a-09-36-22\/\" border=\"0\" itemprop=\"url\"> <meta itemprop=\"width\" content=\"229\"> <meta itemprop=\"height\" content=\"152\"> <img decoding=\"async\" class=\"\" data-attachment-id=\"114606\" data-orig-file=\"https:\/\/itayachtscanada.com\/wp-content\/uploads\/2023\/05\/Capture-decran-le-2023-05-20-a-09.36.22.png\" data-orig-size=\"962,638\" data-comments-opened=\"1\" data-image-meta=\"{&quot;aperture&quot;:&quot;0&quot;,&quot;credit&quot;:&quot;&quot;,&quot;camera&quot;:&quot;&quot;,&quot;caption&quot;:&quot;&quot;,&quot;created_timestamp&quot;:&quot;0&quot;,&quot;copyright&quot;:&quot;&quot;,&quot;focal_length&quot;:&quot;0&quot;,&quot;iso&quot;:&quot;0&quot;,&quot;shutter_speed&quot;:&quot;0&quot;,&quot;title&quot;:&quot;&quot;,&quot;orientation&quot;:&quot;0&quot;}\" data-image-title=\"Capture d\u2019\u00e9cran, le 2023-05-20 \u00e0 09.36.22\" data-image-description=\"\" data-medium-file=\"https:\/\/i0.wp.com\/itayachtscanada.com\/wp-content\/uploads\/2023\/05\/Capture-decran-le-2023-05-20-a-09.36.22.png?fit=300%2C199&#038;ssl=1\" data-large-file=\"https:\/\/i0.wp.com\/itayachtscanada.com\/wp-content\/uploads\/2023\/05\/Capture-decran-le-2023-05-20-a-09.36.22.png?fit=700%2C464&#038;ssl=1\" src=\"https:\/\/i0.wp.com\/itayachtscanada.com\/wp-content\/uploads\/2023\/05\/Capture-decran-le-2023-05-20-a-09.36.22.png?w=229&#038;h=152&#038;ssl=1\" srcset=\"https:\/\/i0.wp.com\/itayachtscanada.com\/wp-content\/uploads\/2023\/05\/Capture-decran-le-2023-05-20-a-09.36.22.png?w=962&amp;ssl=1 962w, https:\/\/i0.wp.com\/itayachtscanada.com\/wp-content\/uploads\/2023\/05\/Capture-decran-le-2023-05-20-a-09.36.22.png?resize=300%2C199&amp;ssl=1 300w, https:\/\/i0.wp.com\/itayachtscanada.com\/wp-content\/uploads\/2023\/05\/Capture-decran-le-2023-05-20-a-09.36.22.png?resize=768%2C509&amp;ssl=1 768w, https:\/\/i0.wp.com\/itayachtscanada.com\/wp-content\/uploads\/2023\/05\/Capture-decran-le-2023-05-20-a-09.36.22.png?resize=700%2C464&amp;ssl=1 700w, https:\/\/i0.wp.com\/itayachtscanada.com\/wp-content\/uploads\/2023\/05\/Capture-decran-le-2023-05-20-a-09.36.22.png?resize=900%2C600&amp;ssl=1 900w, https:\/\/i0.wp.com\/itayachtscanada.com\/wp-content\/uploads\/2023\/05\/Capture-decran-le-2023-05-20-a-09.36.22.png?resize=603%2C400&amp;ssl=1 603w\" width=\"229\" height=\"152\" loading=\"lazy\" data-original-width=\"229\" data-original-height=\"152\" itemprop=\"http:\/\/schema.org\/image\" title=\"Capture d\u2019\u00e9cran, le 2023-05-20 \u00e0 09.36.22\" alt=\"Capture d\u2019\u00e9cran, le 2023-05-20 \u00e0 09.36.22\" style=\"width: 229px; height: 152px;\" \/> <\/a> <\/div> <\/div> <!-- close group --> <\/div> <!-- close row --> <div class=\"gallery-row\" style=\"width: 700px; height: 233px;\" data-original-width=\"700\" data-original-height=\"233\" > <div class=\"gallery-group images-1\" style=\"width: 350px; height: 233px;\" data-original-width=\"350\" data-original-height=\"233\" > <div class=\"tiled-gallery-item tiled-gallery-item-large\" itemprop=\"associatedMedia\" itemscope itemtype=\"http:\/\/schema.org\/ImageObject\"> <a href=\"https:\/\/itayachtscanada.com\/fr\/listing\/ferretti-780-flybridge-2019-4249000-usd-for-sale\/capture-decran-le-2023-05-20-a-09-36-19\/\" border=\"0\" itemprop=\"url\"> <meta itemprop=\"width\" content=\"346\"> <meta itemprop=\"height\" content=\"229\"> <img decoding=\"async\" class=\"\" data-attachment-id=\"114607\" data-orig-file=\"https:\/\/itayachtscanada.com\/wp-content\/uploads\/2023\/05\/Capture-decran-le-2023-05-20-a-09.36.19.png\" data-orig-size=\"962,638\" data-comments-opened=\"1\" data-image-meta=\"{&quot;aperture&quot;:&quot;0&quot;,&quot;credit&quot;:&quot;&quot;,&quot;camera&quot;:&quot;&quot;,&quot;caption&quot;:&quot;&quot;,&quot;created_timestamp&quot;:&quot;0&quot;,&quot;copyright&quot;:&quot;&quot;,&quot;focal_length&quot;:&quot;0&quot;,&quot;iso&quot;:&quot;0&quot;,&quot;shutter_speed&quot;:&quot;0&quot;,&quot;title&quot;:&quot;&quot;,&quot;orientation&quot;:&quot;0&quot;}\" data-image-title=\"Capture d\u2019\u00e9cran, le 2023-05-20 \u00e0 09.36.19\" data-image-description=\"\" data-medium-file=\"https:\/\/i0.wp.com\/itayachtscanada.com\/wp-content\/uploads\/2023\/05\/Capture-decran-le-2023-05-20-a-09.36.19.png?fit=300%2C199&#038;ssl=1\" data-large-file=\"https:\/\/i0.wp.com\/itayachtscanada.com\/wp-content\/uploads\/2023\/05\/Capture-decran-le-2023-05-20-a-09.36.19.png?fit=700%2C464&#038;ssl=1\" src=\"https:\/\/i0.wp.com\/itayachtscanada.com\/wp-content\/uploads\/2023\/05\/Capture-decran-le-2023-05-20-a-09.36.19.png?w=346&#038;h=229&#038;ssl=1\" srcset=\"https:\/\/i0.wp.com\/itayachtscanada.com\/wp-content\/uploads\/2023\/05\/Capture-decran-le-2023-05-20-a-09.36.19.png?w=962&amp;ssl=1 962w, https:\/\/i0.wp.com\/itayachtscanada.com\/wp-content\/uploads\/2023\/05\/Capture-decran-le-2023-05-20-a-09.36.19.png?resize=300%2C199&amp;ssl=1 300w, https:\/\/i0.wp.com\/itayachtscanada.com\/wp-content\/uploads\/2023\/05\/Capture-decran-le-2023-05-20-a-09.36.19.png?resize=768%2C509&amp;ssl=1 768w, https:\/\/i0.wp.com\/itayachtscanada.com\/wp-content\/uploads\/2023\/05\/Capture-decran-le-2023-05-20-a-09.36.19.png?resize=700%2C464&amp;ssl=1 700w, https:\/\/i0.wp.com\/itayachtscanada.com\/wp-content\/uploads\/2023\/05\/Capture-decran-le-2023-05-20-a-09.36.19.png?resize=603%2C400&amp;ssl=1 603w\" width=\"346\" height=\"229\" loading=\"lazy\" data-original-width=\"346\" data-original-height=\"229\" itemprop=\"http:\/\/schema.org\/image\" title=\"Capture d\u2019\u00e9cran, le 2023-05-20 \u00e0 09.36.19\" alt=\"Capture d\u2019\u00e9cran, le 2023-05-20 \u00e0 09.36.19\" style=\"width: 346px; height: 229px;\" \/> <\/a> <\/div> <\/div> <!-- close group --> <div class=\"gallery-group images-1\" style=\"width: 350px; height: 233px;\" data-original-width=\"350\" data-original-height=\"233\" > <div class=\"tiled-gallery-item tiled-gallery-item-large\" itemprop=\"associatedMedia\" itemscope itemtype=\"http:\/\/schema.org\/ImageObject\"> <a href=\"https:\/\/itayachtscanada.com\/fr\/listing\/ferretti-780-flybridge-2019-4249000-usd-for-sale\/capture-decran-le-2023-05-20-a-09-36-16\/\" border=\"0\" itemprop=\"url\"> <meta itemprop=\"width\" content=\"346\"> <meta itemprop=\"height\" content=\"229\"> <img decoding=\"async\" class=\"\" data-attachment-id=\"114608\" data-orig-file=\"https:\/\/itayachtscanada.com\/wp-content\/uploads\/2023\/05\/Capture-decran-le-2023-05-20-a-09.36.16.png\" data-orig-size=\"962,638\" data-comments-opened=\"1\" data-image-meta=\"{&quot;aperture&quot;:&quot;0&quot;,&quot;credit&quot;:&quot;&quot;,&quot;camera&quot;:&quot;&quot;,&quot;caption&quot;:&quot;&quot;,&quot;created_timestamp&quot;:&quot;0&quot;,&quot;copyright&quot;:&quot;&quot;,&quot;focal_length&quot;:&quot;0&quot;,&quot;iso&quot;:&quot;0&quot;,&quot;shutter_speed&quot;:&quot;0&quot;,&quot;title&quot;:&quot;&quot;,&quot;orientation&quot;:&quot;0&quot;}\" data-image-title=\"Capture d\u2019\u00e9cran, le 2023-05-20 \u00e0 09.36.16\" data-image-description=\"\" data-medium-file=\"https:\/\/i0.wp.com\/itayachtscanada.com\/wp-content\/uploads\/2023\/05\/Capture-decran-le-2023-05-20-a-09.36.16.png?fit=300%2C199&#038;ssl=1\" data-large-file=\"https:\/\/i0.wp.com\/itayachtscanada.com\/wp-content\/uploads\/2023\/05\/Capture-decran-le-2023-05-20-a-09.36.16.png?fit=700%2C464&#038;ssl=1\" src=\"https:\/\/i0.wp.com\/itayachtscanada.com\/wp-content\/uploads\/2023\/05\/Capture-decran-le-2023-05-20-a-09.36.16.png?w=346&#038;h=229&#038;ssl=1\" srcset=\"https:\/\/i0.wp.com\/itayachtscanada.com\/wp-content\/uploads\/2023\/05\/Capture-decran-le-2023-05-20-a-09.36.16.png?w=962&amp;ssl=1 962w, https:\/\/i0.wp.com\/itayachtscanada.com\/wp-content\/uploads\/2023\/05\/Capture-decran-le-2023-05-20-a-09.36.16.png?resize=300%2C199&amp;ssl=1 300w, https:\/\/i0.wp.com\/itayachtscanada.com\/wp-content\/uploads\/2023\/05\/Capture-decran-le-2023-05-20-a-09.36.16.png?resize=768%2C509&amp;ssl=1 768w, https:\/\/i0.wp.com\/itayachtscanada.com\/wp-content\/uploads\/2023\/05\/Capture-decran-le-2023-05-20-a-09.36.16.png?resize=700%2C464&amp;ssl=1 700w, https:\/\/i0.wp.com\/itayachtscanada.com\/wp-content\/uploads\/2023\/05\/Capture-decran-le-2023-05-20-a-09.36.16.png?resize=603%2C400&amp;ssl=1 603w\" width=\"346\" height=\"229\" loading=\"lazy\" data-original-width=\"346\" data-original-height=\"229\" itemprop=\"http:\/\/schema.org\/image\" title=\"Capture d\u2019\u00e9cran, le 2023-05-20 \u00e0 09.36.16\" alt=\"Capture d\u2019\u00e9cran, le 2023-05-20 \u00e0 09.36.16\" style=\"width: 346px; height: 229px;\" \/> <\/a> <\/div> <\/div> <!-- close group --> <\/div> <!-- close row --> <div class=\"gallery-row\" style=\"width: 700px; height: 311px;\" data-original-width=\"700\" data-original-height=\"311\" > <div class=\"gallery-group images-1\" style=\"width: 467px; height: 311px;\" data-original-width=\"467\" data-original-height=\"311\" > <div class=\"tiled-gallery-item tiled-gallery-item-large\" itemprop=\"associatedMedia\" itemscope itemtype=\"http:\/\/schema.org\/ImageObject\"> <a href=\"https:\/\/itayachtscanada.com\/fr\/listing\/ferretti-780-flybridge-2019-4249000-usd-for-sale\/capture-decran-le-2023-05-20-a-09-36-13\/\" border=\"0\" itemprop=\"url\"> <meta itemprop=\"width\" content=\"463\"> <meta itemprop=\"height\" content=\"307\"> <img decoding=\"async\" class=\"\" data-attachment-id=\"114609\" data-orig-file=\"https:\/\/itayachtscanada.com\/wp-content\/uploads\/2023\/05\/Capture-decran-le-2023-05-20-a-09.36.13.png\" data-orig-size=\"962,638\" data-comments-opened=\"1\" data-image-meta=\"{&quot;aperture&quot;:&quot;0&quot;,&quot;credit&quot;:&quot;&quot;,&quot;camera&quot;:&quot;&quot;,&quot;caption&quot;:&quot;&quot;,&quot;created_timestamp&quot;:&quot;0&quot;,&quot;copyright&quot;:&quot;&quot;,&quot;focal_length&quot;:&quot;0&quot;,&quot;iso&quot;:&quot;0&quot;,&quot;shutter_speed&quot;:&quot;0&quot;,&quot;title&quot;:&quot;&quot;,&quot;orientation&quot;:&quot;0&quot;}\" data-image-title=\"Capture d\u2019\u00e9cran, le 2023-05-20 \u00e0 09.36.13\" data-image-description=\"\" data-medium-file=\"https:\/\/i0.wp.com\/itayachtscanada.com\/wp-content\/uploads\/2023\/05\/Capture-decran-le-2023-05-20-a-09.36.13.png?fit=300%2C199&#038;ssl=1\" data-large-file=\"https:\/\/i0.wp.com\/itayachtscanada.com\/wp-content\/uploads\/2023\/05\/Capture-decran-le-2023-05-20-a-09.36.13.png?fit=700%2C464&#038;ssl=1\" src=\"https:\/\/i0.wp.com\/itayachtscanada.com\/wp-content\/uploads\/2023\/05\/Capture-decran-le-2023-05-20-a-09.36.13.png?w=463&#038;h=307&#038;ssl=1\" srcset=\"https:\/\/i0.wp.com\/itayachtscanada.com\/wp-content\/uploads\/2023\/05\/Capture-decran-le-2023-05-20-a-09.36.13.png?w=962&amp;ssl=1 962w, https:\/\/i0.wp.com\/itayachtscanada.com\/wp-content\/uploads\/2023\/05\/Capture-decran-le-2023-05-20-a-09.36.13.png?resize=300%2C199&amp;ssl=1 300w, https:\/\/i0.wp.com\/itayachtscanada.com\/wp-content\/uploads\/2023\/05\/Capture-decran-le-2023-05-20-a-09.36.13.png?resize=768%2C509&amp;ssl=1 768w, https:\/\/i0.wp.com\/itayachtscanada.com\/wp-content\/uploads\/2023\/05\/Capture-decran-le-2023-05-20-a-09.36.13.png?resize=700%2C464&amp;ssl=1 700w, https:\/\/i0.wp.com\/itayachtscanada.com\/wp-content\/uploads\/2023\/05\/Capture-decran-le-2023-05-20-a-09.36.13.png?resize=603%2C400&amp;ssl=1 603w\" width=\"463\" height=\"307\" loading=\"lazy\" data-original-width=\"463\" data-original-height=\"307\" itemprop=\"http:\/\/schema.org\/image\" title=\"Capture d\u2019\u00e9cran, le 2023-05-20 \u00e0 09.36.13\" alt=\"Capture d\u2019\u00e9cran, le 2023-05-20 \u00e0 09.36.13\" style=\"width: 463px; height: 307px;\" \/> <\/a> <\/div> <\/div> <!-- close group --> <div class=\"gallery-group images-2\" style=\"width: 233px; height: 311px;\" data-original-width=\"233\" data-original-height=\"311\" > <div class=\"tiled-gallery-item tiled-gallery-item-small\" itemprop=\"associatedMedia\" itemscope itemtype=\"http:\/\/schema.org\/ImageObject\"> <a href=\"https:\/\/itayachtscanada.com\/fr\/listing\/ferretti-780-flybridge-2019-4249000-usd-for-sale\/capture-decran-le-2023-05-20-a-09-36-10\/\" border=\"0\" itemprop=\"url\"> <meta itemprop=\"width\" content=\"229\"> <meta itemprop=\"height\" content=\"152\"> <img decoding=\"async\" class=\"\" data-attachment-id=\"114610\" data-orig-file=\"https:\/\/itayachtscanada.com\/wp-content\/uploads\/2023\/05\/Capture-decran-le-2023-05-20-a-09.36.10.png\" data-orig-size=\"962,638\" data-comments-opened=\"1\" data-image-meta=\"{&quot;aperture&quot;:&quot;0&quot;,&quot;credit&quot;:&quot;&quot;,&quot;camera&quot;:&quot;&quot;,&quot;caption&quot;:&quot;&quot;,&quot;created_timestamp&quot;:&quot;0&quot;,&quot;copyright&quot;:&quot;&quot;,&quot;focal_length&quot;:&quot;0&quot;,&quot;iso&quot;:&quot;0&quot;,&quot;shutter_speed&quot;:&quot;0&quot;,&quot;title&quot;:&quot;&quot;,&quot;orientation&quot;:&quot;0&quot;}\" data-image-title=\"Capture d\u2019\u00e9cran, le 2023-05-20 \u00e0 09.36.10\" data-image-description=\"\" data-medium-file=\"https:\/\/i0.wp.com\/itayachtscanada.com\/wp-content\/uploads\/2023\/05\/Capture-decran-le-2023-05-20-a-09.36.10.png?fit=300%2C199&#038;ssl=1\" data-large-file=\"https:\/\/i0.wp.com\/itayachtscanada.com\/wp-content\/uploads\/2023\/05\/Capture-decran-le-2023-05-20-a-09.36.10.png?fit=700%2C464&#038;ssl=1\" src=\"https:\/\/i0.wp.com\/itayachtscanada.com\/wp-content\/uploads\/2023\/05\/Capture-decran-le-2023-05-20-a-09.36.10.png?w=229&#038;h=152&#038;ssl=1\" srcset=\"https:\/\/i0.wp.com\/itayachtscanada.com\/wp-content\/uploads\/2023\/05\/Capture-decran-le-2023-05-20-a-09.36.10.png?w=962&amp;ssl=1 962w, https:\/\/i0.wp.com\/itayachtscanada.com\/wp-content\/uploads\/2023\/05\/Capture-decran-le-2023-05-20-a-09.36.10.png?resize=300%2C199&amp;ssl=1 300w, https:\/\/i0.wp.com\/itayachtscanada.com\/wp-content\/uploads\/2023\/05\/Capture-decran-le-2023-05-20-a-09.36.10.png?resize=768%2C509&amp;ssl=1 768w, https:\/\/i0.wp.com\/itayachtscanada.com\/wp-content\/uploads\/2023\/05\/Capture-decran-le-2023-05-20-a-09.36.10.png?resize=700%2C464&amp;ssl=1 700w, https:\/\/i0.wp.com\/itayachtscanada.com\/wp-content\/uploads\/2023\/05\/Capture-decran-le-2023-05-20-a-09.36.10.png?resize=900%2C600&amp;ssl=1 900w, https:\/\/i0.wp.com\/itayachtscanada.com\/wp-content\/uploads\/2023\/05\/Capture-decran-le-2023-05-20-a-09.36.10.png?resize=603%2C400&amp;ssl=1 603w\" width=\"229\" height=\"152\" loading=\"lazy\" data-original-width=\"229\" data-original-height=\"152\" itemprop=\"http:\/\/schema.org\/image\" title=\"Capture d\u2019\u00e9cran, le 2023-05-20 \u00e0 09.36.10\" alt=\"Capture d\u2019\u00e9cran, le 2023-05-20 \u00e0 09.36.10\" style=\"width: 229px; height: 152px;\" \/> <\/a> <\/div> <div class=\"tiled-gallery-item tiled-gallery-item-small\" itemprop=\"associatedMedia\" itemscope itemtype=\"http:\/\/schema.org\/ImageObject\"> <a href=\"https:\/\/itayachtscanada.com\/fr\/listing\/ferretti-780-flybridge-2019-4249000-usd-for-sale\/capture-decran-le-2023-05-20-a-09-36-07\/\" border=\"0\" itemprop=\"url\"> <meta itemprop=\"width\" content=\"229\"> <meta itemprop=\"height\" content=\"151\"> <img decoding=\"async\" class=\"\" data-attachment-id=\"114611\" data-orig-file=\"https:\/\/itayachtscanada.com\/wp-content\/uploads\/2023\/05\/Capture-decran-le-2023-05-20-a-09.36.07.png\" data-orig-size=\"962,638\" data-comments-opened=\"1\" data-image-meta=\"{&quot;aperture&quot;:&quot;0&quot;,&quot;credit&quot;:&quot;&quot;,&quot;camera&quot;:&quot;&quot;,&quot;caption&quot;:&quot;&quot;,&quot;created_timestamp&quot;:&quot;0&quot;,&quot;copyright&quot;:&quot;&quot;,&quot;focal_length&quot;:&quot;0&quot;,&quot;iso&quot;:&quot;0&quot;,&quot;shutter_speed&quot;:&quot;0&quot;,&quot;title&quot;:&quot;&quot;,&quot;orientation&quot;:&quot;0&quot;}\" data-image-title=\"Capture d\u2019\u00e9cran, le 2023-05-20 \u00e0 09.36.07\" data-image-description=\"\" data-medium-file=\"https:\/\/i0.wp.com\/itayachtscanada.com\/wp-content\/uploads\/2023\/05\/Capture-decran-le-2023-05-20-a-09.36.07.png?fit=300%2C199&#038;ssl=1\" data-large-file=\"https:\/\/i0.wp.com\/itayachtscanada.com\/wp-content\/uploads\/2023\/05\/Capture-decran-le-2023-05-20-a-09.36.07.png?fit=700%2C464&#038;ssl=1\" src=\"https:\/\/i0.wp.com\/itayachtscanada.com\/wp-content\/uploads\/2023\/05\/Capture-decran-le-2023-05-20-a-09.36.07.png?w=229&#038;h=151&#038;ssl=1\" srcset=\"https:\/\/i0.wp.com\/itayachtscanada.com\/wp-content\/uploads\/2023\/05\/Capture-decran-le-2023-05-20-a-09.36.07.png?w=962&amp;ssl=1 962w, https:\/\/i0.wp.com\/itayachtscanada.com\/wp-content\/uploads\/2023\/05\/Capture-decran-le-2023-05-20-a-09.36.07.png?resize=300%2C199&amp;ssl=1 300w, https:\/\/i0.wp.com\/itayachtscanada.com\/wp-content\/uploads\/2023\/05\/Capture-decran-le-2023-05-20-a-09.36.07.png?resize=768%2C509&amp;ssl=1 768w, https:\/\/i0.wp.com\/itayachtscanada.com\/wp-content\/uploads\/2023\/05\/Capture-decran-le-2023-05-20-a-09.36.07.png?resize=700%2C464&amp;ssl=1 700w, https:\/\/i0.wp.com\/itayachtscanada.com\/wp-content\/uploads\/2023\/05\/Capture-decran-le-2023-05-20-a-09.36.07.png?resize=603%2C400&amp;ssl=1 603w\" width=\"229\" height=\"151\" loading=\"lazy\" data-original-width=\"229\" data-original-height=\"151\" itemprop=\"http:\/\/schema.org\/image\" title=\"Capture d\u2019\u00e9cran, le 2023-05-20 \u00e0 09.36.07\" alt=\"Capture d\u2019\u00e9cran, le 2023-05-20 \u00e0 09.36.07\" style=\"width: 229px; height: 151px;\" \/> <\/a> <\/div> <\/div> <!-- close group --> <\/div> <!-- close row --> <div class=\"gallery-row\" style=\"width: 700px; height: 311px;\" data-original-width=\"700\" data-original-height=\"311\" > <div class=\"gallery-group images-2\" style=\"width: 233px; height: 311px;\" data-original-width=\"233\" data-original-height=\"311\" > <div class=\"tiled-gallery-item tiled-gallery-item-small\" itemprop=\"associatedMedia\" itemscope itemtype=\"http:\/\/schema.org\/ImageObject\"> <a href=\"https:\/\/itayachtscanada.com\/fr\/listing\/ferretti-780-flybridge-2019-4249000-usd-for-sale\/capture-decran-le-2023-05-20-a-09-36-04\/\" border=\"0\" itemprop=\"url\"> <meta itemprop=\"width\" content=\"229\"> <meta itemprop=\"height\" content=\"152\"> <img decoding=\"async\" class=\"\" data-attachment-id=\"114612\" data-orig-file=\"https:\/\/itayachtscanada.com\/wp-content\/uploads\/2023\/05\/Capture-decran-le-2023-05-20-a-09.36.04.png\" data-orig-size=\"962,638\" data-comments-opened=\"1\" data-image-meta=\"{&quot;aperture&quot;:&quot;0&quot;,&quot;credit&quot;:&quot;&quot;,&quot;camera&quot;:&quot;&quot;,&quot;caption&quot;:&quot;&quot;,&quot;created_timestamp&quot;:&quot;0&quot;,&quot;copyright&quot;:&quot;&quot;,&quot;focal_length&quot;:&quot;0&quot;,&quot;iso&quot;:&quot;0&quot;,&quot;shutter_speed&quot;:&quot;0&quot;,&quot;title&quot;:&quot;&quot;,&quot;orientation&quot;:&quot;0&quot;}\" data-image-title=\"Capture d\u2019\u00e9cran, le 2023-05-20 \u00e0 09.36.04\" data-image-description=\"\" data-medium-file=\"https:\/\/i0.wp.com\/itayachtscanada.com\/wp-content\/uploads\/2023\/05\/Capture-decran-le-2023-05-20-a-09.36.04.png?fit=300%2C199&#038;ssl=1\" data-large-file=\"https:\/\/i0.wp.com\/itayachtscanada.com\/wp-content\/uploads\/2023\/05\/Capture-decran-le-2023-05-20-a-09.36.04.png?fit=700%2C464&#038;ssl=1\" src=\"https:\/\/i0.wp.com\/itayachtscanada.com\/wp-content\/uploads\/2023\/05\/Capture-decran-le-2023-05-20-a-09.36.04.png?w=229&#038;h=152&#038;ssl=1\" srcset=\"https:\/\/i0.wp.com\/itayachtscanada.com\/wp-content\/uploads\/2023\/05\/Capture-decran-le-2023-05-20-a-09.36.04.png?w=962&amp;ssl=1 962w, https:\/\/i0.wp.com\/itayachtscanada.com\/wp-content\/uploads\/2023\/05\/Capture-decran-le-2023-05-20-a-09.36.04.png?resize=300%2C199&amp;ssl=1 300w, https:\/\/i0.wp.com\/itayachtscanada.com\/wp-content\/uploads\/2023\/05\/Capture-decran-le-2023-05-20-a-09.36.04.png?resize=768%2C509&amp;ssl=1 768w, https:\/\/i0.wp.com\/itayachtscanada.com\/wp-content\/uploads\/2023\/05\/Capture-decran-le-2023-05-20-a-09.36.04.png?resize=700%2C464&amp;ssl=1 700w, https:\/\/i0.wp.com\/itayachtscanada.com\/wp-content\/uploads\/2023\/05\/Capture-decran-le-2023-05-20-a-09.36.04.png?resize=900%2C600&amp;ssl=1 900w, https:\/\/i0.wp.com\/itayachtscanada.com\/wp-content\/uploads\/2023\/05\/Capture-decran-le-2023-05-20-a-09.36.04.png?resize=603%2C400&amp;ssl=1 603w\" width=\"229\" height=\"152\" loading=\"lazy\" data-original-width=\"229\" data-original-height=\"152\" itemprop=\"http:\/\/schema.org\/image\" title=\"Capture d\u2019\u00e9cran, le 2023-05-20 \u00e0 09.36.04\" alt=\"Capture d\u2019\u00e9cran, le 2023-05-20 \u00e0 09.36.04\" style=\"width: 229px; height: 152px;\" \/> <\/a> <\/div> <div class=\"tiled-gallery-item tiled-gallery-item-small\" itemprop=\"associatedMedia\" itemscope itemtype=\"http:\/\/schema.org\/ImageObject\"> <a href=\"https:\/\/itayachtscanada.com\/fr\/listing\/ferretti-780-flybridge-2019-4249000-usd-for-sale\/capture-decran-le-2023-05-20-a-09-36-01\/\" border=\"0\" itemprop=\"url\"> <meta itemprop=\"width\" content=\"229\"> <meta itemprop=\"height\" content=\"151\"> <img decoding=\"async\" class=\"\" data-attachment-id=\"114613\" data-orig-file=\"https:\/\/itayachtscanada.com\/wp-content\/uploads\/2023\/05\/Capture-decran-le-2023-05-20-a-09.36.01.png\" data-orig-size=\"962,638\" data-comments-opened=\"1\" data-image-meta=\"{&quot;aperture&quot;:&quot;0&quot;,&quot;credit&quot;:&quot;&quot;,&quot;camera&quot;:&quot;&quot;,&quot;caption&quot;:&quot;&quot;,&quot;created_timestamp&quot;:&quot;0&quot;,&quot;copyright&quot;:&quot;&quot;,&quot;focal_length&quot;:&quot;0&quot;,&quot;iso&quot;:&quot;0&quot;,&quot;shutter_speed&quot;:&quot;0&quot;,&quot;title&quot;:&quot;&quot;,&quot;orientation&quot;:&quot;0&quot;}\" data-image-title=\"Capture d\u2019\u00e9cran, le 2023-05-20 \u00e0 09.36.01\" data-image-description=\"\" data-medium-file=\"https:\/\/i0.wp.com\/itayachtscanada.com\/wp-content\/uploads\/2023\/05\/Capture-decran-le-2023-05-20-a-09.36.01.png?fit=300%2C199&#038;ssl=1\" data-large-file=\"https:\/\/i0.wp.com\/itayachtscanada.com\/wp-content\/uploads\/2023\/05\/Capture-decran-le-2023-05-20-a-09.36.01.png?fit=700%2C464&#038;ssl=1\" src=\"https:\/\/i0.wp.com\/itayachtscanada.com\/wp-content\/uploads\/2023\/05\/Capture-decran-le-2023-05-20-a-09.36.01.png?w=229&#038;h=151&#038;ssl=1\" srcset=\"https:\/\/i0.wp.com\/itayachtscanada.com\/wp-content\/uploads\/2023\/05\/Capture-decran-le-2023-05-20-a-09.36.01.png?w=962&amp;ssl=1 962w, https:\/\/i0.wp.com\/itayachtscanada.com\/wp-content\/uploads\/2023\/05\/Capture-decran-le-2023-05-20-a-09.36.01.png?resize=300%2C199&amp;ssl=1 300w, https:\/\/i0.wp.com\/itayachtscanada.com\/wp-content\/uploads\/2023\/05\/Capture-decran-le-2023-05-20-a-09.36.01.png?resize=768%2C509&amp;ssl=1 768w, https:\/\/i0.wp.com\/itayachtscanada.com\/wp-content\/uploads\/2023\/05\/Capture-decran-le-2023-05-20-a-09.36.01.png?resize=700%2C464&amp;ssl=1 700w, https:\/\/i0.wp.com\/itayachtscanada.com\/wp-content\/uploads\/2023\/05\/Capture-decran-le-2023-05-20-a-09.36.01.png?resize=603%2C400&amp;ssl=1 603w\" width=\"229\" height=\"151\" loading=\"lazy\" data-original-width=\"229\" data-original-height=\"151\" itemprop=\"http:\/\/schema.org\/image\" title=\"Capture d\u2019\u00e9cran, le 2023-05-20 \u00e0 09.36.01\" alt=\"Capture d\u2019\u00e9cran, le 2023-05-20 \u00e0 09.36.01\" style=\"width: 229px; height: 151px;\" \/> <\/a> <\/div> <\/div> <!-- close group --> <div class=\"gallery-group images-1\" style=\"width: 467px; height: 311px;\" data-original-width=\"467\" data-original-height=\"311\" > <div class=\"tiled-gallery-item tiled-gallery-item-large\" itemprop=\"associatedMedia\" itemscope itemtype=\"http:\/\/schema.org\/ImageObject\"> <a href=\"https:\/\/itayachtscanada.com\/fr\/listing\/ferretti-780-flybridge-2019-4249000-usd-for-sale\/capture-decran-le-2023-05-20-a-09-35-58\/\" border=\"0\" itemprop=\"url\"> <meta itemprop=\"width\" content=\"463\"> <meta itemprop=\"height\" content=\"307\"> <img decoding=\"async\" class=\"\" data-attachment-id=\"114614\" data-orig-file=\"https:\/\/itayachtscanada.com\/wp-content\/uploads\/2023\/05\/Capture-decran-le-2023-05-20-a-09.35.58.png\" data-orig-size=\"962,638\" data-comments-opened=\"1\" data-image-meta=\"{&quot;aperture&quot;:&quot;0&quot;,&quot;credit&quot;:&quot;&quot;,&quot;camera&quot;:&quot;&quot;,&quot;caption&quot;:&quot;&quot;,&quot;created_timestamp&quot;:&quot;0&quot;,&quot;copyright&quot;:&quot;&quot;,&quot;focal_length&quot;:&quot;0&quot;,&quot;iso&quot;:&quot;0&quot;,&quot;shutter_speed&quot;:&quot;0&quot;,&quot;title&quot;:&quot;&quot;,&quot;orientation&quot;:&quot;0&quot;}\" data-image-title=\"Capture d\u2019\u00e9cran, le 2023-05-20 \u00e0 09.35.58\" data-image-description=\"\" data-medium-file=\"https:\/\/i0.wp.com\/itayachtscanada.com\/wp-content\/uploads\/2023\/05\/Capture-decran-le-2023-05-20-a-09.35.58.png?fit=300%2C199&#038;ssl=1\" data-large-file=\"https:\/\/i0.wp.com\/itayachtscanada.com\/wp-content\/uploads\/2023\/05\/Capture-decran-le-2023-05-20-a-09.35.58.png?fit=700%2C464&#038;ssl=1\" src=\"https:\/\/i0.wp.com\/itayachtscanada.com\/wp-content\/uploads\/2023\/05\/Capture-decran-le-2023-05-20-a-09.35.58.png?w=463&#038;h=307&#038;ssl=1\" srcset=\"https:\/\/i0.wp.com\/itayachtscanada.com\/wp-content\/uploads\/2023\/05\/Capture-decran-le-2023-05-20-a-09.35.58.png?w=962&amp;ssl=1 962w, https:\/\/i0.wp.com\/itayachtscanada.com\/wp-content\/uploads\/2023\/05\/Capture-decran-le-2023-05-20-a-09.35.58.png?resize=300%2C199&amp;ssl=1 300w, https:\/\/i0.wp.com\/itayachtscanada.com\/wp-content\/uploads\/2023\/05\/Capture-decran-le-2023-05-20-a-09.35.58.png?resize=768%2C509&amp;ssl=1 768w, https:\/\/i0.wp.com\/itayachtscanada.com\/wp-content\/uploads\/2023\/05\/Capture-decran-le-2023-05-20-a-09.35.58.png?resize=700%2C464&amp;ssl=1 700w, https:\/\/i0.wp.com\/itayachtscanada.com\/wp-content\/uploads\/2023\/05\/Capture-decran-le-2023-05-20-a-09.35.58.png?resize=603%2C400&amp;ssl=1 603w\" width=\"463\" height=\"307\" loading=\"lazy\" data-original-width=\"463\" data-original-height=\"307\" itemprop=\"http:\/\/schema.org\/image\" title=\"Capture d\u2019\u00e9cran, le 2023-05-20 \u00e0 09.35.58\" alt=\"Capture d\u2019\u00e9cran, le 2023-05-20 \u00e0 09.35.58\" style=\"width: 463px; height: 307px;\" \/> <\/a> <\/div> <\/div> <!-- close group --> <\/div> <!-- close row --> <div class=\"gallery-row\" style=\"width: 700px; height: 156px;\" data-original-width=\"700\" data-original-height=\"156\" > <div class=\"gallery-group images-1\" style=\"width: 234px; height: 156px;\" data-original-width=\"234\" data-original-height=\"156\" > <div class=\"tiled-gallery-item tiled-gallery-item-small\" itemprop=\"associatedMedia\" itemscope itemtype=\"http:\/\/schema.org\/ImageObject\"> <a href=\"https:\/\/itayachtscanada.com\/fr\/listing\/ferretti-780-flybridge-2019-4249000-usd-for-sale\/capture-decran-le-2023-05-20-a-09-35-55\/\" border=\"0\" itemprop=\"url\"> <meta itemprop=\"width\" content=\"230\"> <meta itemprop=\"height\" content=\"152\"> <img decoding=\"async\" class=\"\" data-attachment-id=\"114615\" data-orig-file=\"https:\/\/itayachtscanada.com\/wp-content\/uploads\/2023\/05\/Capture-decran-le-2023-05-20-a-09.35.55.png\" data-orig-size=\"962,638\" data-comments-opened=\"1\" data-image-meta=\"{&quot;aperture&quot;:&quot;0&quot;,&quot;credit&quot;:&quot;&quot;,&quot;camera&quot;:&quot;&quot;,&quot;caption&quot;:&quot;&quot;,&quot;created_timestamp&quot;:&quot;0&quot;,&quot;copyright&quot;:&quot;&quot;,&quot;focal_length&quot;:&quot;0&quot;,&quot;iso&quot;:&quot;0&quot;,&quot;shutter_speed&quot;:&quot;0&quot;,&quot;title&quot;:&quot;&quot;,&quot;orientation&quot;:&quot;0&quot;}\" data-image-title=\"Capture d\u2019\u00e9cran, le 2023-05-20 \u00e0 09.35.55\" data-image-description=\"\" data-medium-file=\"https:\/\/i0.wp.com\/itayachtscanada.com\/wp-content\/uploads\/2023\/05\/Capture-decran-le-2023-05-20-a-09.35.55.png?fit=300%2C199&#038;ssl=1\" data-large-file=\"https:\/\/i0.wp.com\/itayachtscanada.com\/wp-content\/uploads\/2023\/05\/Capture-decran-le-2023-05-20-a-09.35.55.png?fit=700%2C464&#038;ssl=1\" src=\"https:\/\/i0.wp.com\/itayachtscanada.com\/wp-content\/uploads\/2023\/05\/Capture-decran-le-2023-05-20-a-09.35.55.png?w=230&#038;h=152&#038;ssl=1\" srcset=\"https:\/\/i0.wp.com\/itayachtscanada.com\/wp-content\/uploads\/2023\/05\/Capture-decran-le-2023-05-20-a-09.35.55.png?w=962&amp;ssl=1 962w, https:\/\/i0.wp.com\/itayachtscanada.com\/wp-content\/uploads\/2023\/05\/Capture-decran-le-2023-05-20-a-09.35.55.png?resize=300%2C199&amp;ssl=1 300w, https:\/\/i0.wp.com\/itayachtscanada.com\/wp-content\/uploads\/2023\/05\/Capture-decran-le-2023-05-20-a-09.35.55.png?resize=768%2C509&amp;ssl=1 768w, https:\/\/i0.wp.com\/itayachtscanada.com\/wp-content\/uploads\/2023\/05\/Capture-decran-le-2023-05-20-a-09.35.55.png?resize=700%2C464&amp;ssl=1 700w, https:\/\/i0.wp.com\/itayachtscanada.com\/wp-content\/uploads\/2023\/05\/Capture-decran-le-2023-05-20-a-09.35.55.png?resize=900%2C600&amp;ssl=1 900w, https:\/\/i0.wp.com\/itayachtscanada.com\/wp-content\/uploads\/2023\/05\/Capture-decran-le-2023-05-20-a-09.35.55.png?resize=603%2C400&amp;ssl=1 603w\" width=\"230\" height=\"152\" loading=\"lazy\" data-original-width=\"230\" data-original-height=\"152\" itemprop=\"http:\/\/schema.org\/image\" title=\"Capture d\u2019\u00e9cran, le 2023-05-20 \u00e0 09.35.55\" alt=\"Capture d\u2019\u00e9cran, le 2023-05-20 \u00e0 09.35.55\" style=\"width: 230px; height: 152px;\" \/> <\/a> <\/div> <\/div> <!-- close group --> <div class=\"gallery-group images-1\" style=\"width: 233px; height: 156px;\" data-original-width=\"233\" data-original-height=\"156\" > <div class=\"tiled-gallery-item tiled-gallery-item-small\" itemprop=\"associatedMedia\" itemscope itemtype=\"http:\/\/schema.org\/ImageObject\"> <a href=\"https:\/\/itayachtscanada.com\/fr\/listing\/ferretti-780-flybridge-2019-4249000-usd-for-sale\/capture-decran-le-2023-05-20-a-09-35-52\/\" border=\"0\" itemprop=\"url\"> <meta itemprop=\"width\" content=\"229\"> <meta itemprop=\"height\" content=\"152\"> <img decoding=\"async\" class=\"\" data-attachment-id=\"114616\" data-orig-file=\"https:\/\/itayachtscanada.com\/wp-content\/uploads\/2023\/05\/Capture-decran-le-2023-05-20-a-09.35.52.png\" data-orig-size=\"962,638\" data-comments-opened=\"1\" data-image-meta=\"{&quot;aperture&quot;:&quot;0&quot;,&quot;credit&quot;:&quot;&quot;,&quot;camera&quot;:&quot;&quot;,&quot;caption&quot;:&quot;&quot;,&quot;created_timestamp&quot;:&quot;0&quot;,&quot;copyright&quot;:&quot;&quot;,&quot;focal_length&quot;:&quot;0&quot;,&quot;iso&quot;:&quot;0&quot;,&quot;shutter_speed&quot;:&quot;0&quot;,&quot;title&quot;:&quot;&quot;,&quot;orientation&quot;:&quot;0&quot;}\" data-image-title=\"Capture d\u2019\u00e9cran, le 2023-05-20 \u00e0 09.35.52\" data-image-description=\"\" data-medium-file=\"https:\/\/i0.wp.com\/itayachtscanada.com\/wp-content\/uploads\/2023\/05\/Capture-decran-le-2023-05-20-a-09.35.52.png?fit=300%2C199&#038;ssl=1\" data-large-file=\"https:\/\/i0.wp.com\/itayachtscanada.com\/wp-content\/uploads\/2023\/05\/Capture-decran-le-2023-05-20-a-09.35.52.png?fit=700%2C464&#038;ssl=1\" src=\"https:\/\/i0.wp.com\/itayachtscanada.com\/wp-content\/uploads\/2023\/05\/Capture-decran-le-2023-05-20-a-09.35.52.png?w=229&#038;h=152&#038;ssl=1\" srcset=\"https:\/\/i0.wp.com\/itayachtscanada.com\/wp-content\/uploads\/2023\/05\/Capture-decran-le-2023-05-20-a-09.35.52.png?w=962&amp;ssl=1 962w, https:\/\/i0.wp.com\/itayachtscanada.com\/wp-content\/uploads\/2023\/05\/Capture-decran-le-2023-05-20-a-09.35.52.png?resize=300%2C199&amp;ssl=1 300w, https:\/\/i0.wp.com\/itayachtscanada.com\/wp-content\/uploads\/2023\/05\/Capture-decran-le-2023-05-20-a-09.35.52.png?resize=768%2C509&amp;ssl=1 768w, https:\/\/i0.wp.com\/itayachtscanada.com\/wp-content\/uploads\/2023\/05\/Capture-decran-le-2023-05-20-a-09.35.52.png?resize=700%2C464&amp;ssl=1 700w, https:\/\/i0.wp.com\/itayachtscanada.com\/wp-content\/uploads\/2023\/05\/Capture-decran-le-2023-05-20-a-09.35.52.png?resize=900%2C600&amp;ssl=1 900w, https:\/\/i0.wp.com\/itayachtscanada.com\/wp-content\/uploads\/2023\/05\/Capture-decran-le-2023-05-20-a-09.35.52.png?resize=603%2C400&amp;ssl=1 603w\" width=\"229\" height=\"152\" loading=\"lazy\" data-original-width=\"229\" data-original-height=\"152\" itemprop=\"http:\/\/schema.org\/image\" title=\"Capture d\u2019\u00e9cran, le 2023-05-20 \u00e0 09.35.52\" alt=\"Capture d\u2019\u00e9cran, le 2023-05-20 \u00e0 09.35.52\" style=\"width: 229px; height: 152px;\" \/> <\/a> <\/div> <\/div> <!-- close group --> <div class=\"gallery-group images-1\" style=\"width: 233px; height: 156px;\" data-original-width=\"233\" data-original-height=\"156\" > <div class=\"tiled-gallery-item tiled-gallery-item-small\" itemprop=\"associatedMedia\" itemscope itemtype=\"http:\/\/schema.org\/ImageObject\"> <a href=\"https:\/\/itayachtscanada.com\/fr\/listing\/ferretti-780-flybridge-2019-4249000-usd-for-sale\/capture-decran-le-2023-05-20-a-09-35-49\/\" border=\"0\" itemprop=\"url\"> <meta itemprop=\"width\" content=\"229\"> <meta itemprop=\"height\" content=\"152\"> <img decoding=\"async\" class=\"\" data-attachment-id=\"114617\" data-orig-file=\"https:\/\/itayachtscanada.com\/wp-content\/uploads\/2023\/05\/Capture-decran-le-2023-05-20-a-09.35.49.png\" data-orig-size=\"962,638\" data-comments-opened=\"1\" data-image-meta=\"{&quot;aperture&quot;:&quot;0&quot;,&quot;credit&quot;:&quot;&quot;,&quot;camera&quot;:&quot;&quot;,&quot;caption&quot;:&quot;&quot;,&quot;created_timestamp&quot;:&quot;0&quot;,&quot;copyright&quot;:&quot;&quot;,&quot;focal_length&quot;:&quot;0&quot;,&quot;iso&quot;:&quot;0&quot;,&quot;shutter_speed&quot;:&quot;0&quot;,&quot;title&quot;:&quot;&quot;,&quot;orientation&quot;:&quot;0&quot;}\" data-image-title=\"Capture d\u2019\u00e9cran, le 2023-05-20 \u00e0 09.35.49\" data-image-description=\"\" data-medium-file=\"https:\/\/i0.wp.com\/itayachtscanada.com\/wp-content\/uploads\/2023\/05\/Capture-decran-le-2023-05-20-a-09.35.49.png?fit=300%2C199&#038;ssl=1\" data-large-file=\"https:\/\/i0.wp.com\/itayachtscanada.com\/wp-content\/uploads\/2023\/05\/Capture-decran-le-2023-05-20-a-09.35.49.png?fit=700%2C464&#038;ssl=1\" src=\"https:\/\/i0.wp.com\/itayachtscanada.com\/wp-content\/uploads\/2023\/05\/Capture-decran-le-2023-05-20-a-09.35.49.png?w=229&#038;h=152&#038;ssl=1\" srcset=\"https:\/\/i0.wp.com\/itayachtscanada.com\/wp-content\/uploads\/2023\/05\/Capture-decran-le-2023-05-20-a-09.35.49.png?w=962&amp;ssl=1 962w, https:\/\/i0.wp.com\/itayachtscanada.com\/wp-content\/uploads\/2023\/05\/Capture-decran-le-2023-05-20-a-09.35.49.png?resize=300%2C199&amp;ssl=1 300w, https:\/\/i0.wp.com\/itayachtscanada.com\/wp-content\/uploads\/2023\/05\/Capture-decran-le-2023-05-20-a-09.35.49.png?resize=768%2C509&amp;ssl=1 768w, https:\/\/i0.wp.com\/itayachtscanada.com\/wp-content\/uploads\/2023\/05\/Capture-decran-le-2023-05-20-a-09.35.49.png?resize=700%2C464&amp;ssl=1 700w, https:\/\/i0.wp.com\/itayachtscanada.com\/wp-content\/uploads\/2023\/05\/Capture-decran-le-2023-05-20-a-09.35.49.png?resize=900%2C600&amp;ssl=1 900w, https:\/\/i0.wp.com\/itayachtscanada.com\/wp-content\/uploads\/2023\/05\/Capture-decran-le-2023-05-20-a-09.35.49.png?resize=603%2C400&amp;ssl=1 603w\" width=\"229\" height=\"152\" loading=\"lazy\" data-original-width=\"229\" data-original-height=\"152\" itemprop=\"http:\/\/schema.org\/image\" title=\"Capture d\u2019\u00e9cran, le 2023-05-20 \u00e0 09.35.49\" alt=\"Capture d\u2019\u00e9cran, le 2023-05-20 \u00e0 09.35.49\" style=\"width: 229px; height: 152px;\" \/> <\/a> <\/div> <\/div> <!-- close group --> <\/div> <!-- close row --> <div class=\"gallery-row\" style=\"width: 700px; height: 233px;\" data-original-width=\"700\" data-original-height=\"233\" > <div class=\"gallery-group images-1\" style=\"width: 350px; height: 233px;\" data-original-width=\"350\" data-original-height=\"233\" > <div class=\"tiled-gallery-item tiled-gallery-item-large\" itemprop=\"associatedMedia\" itemscope itemtype=\"http:\/\/schema.org\/ImageObject\"> <a href=\"https:\/\/itayachtscanada.com\/fr\/listing\/ferretti-780-flybridge-2019-4249000-usd-for-sale\/capture-decran-le-2023-05-20-a-09-35-46\/\" border=\"0\" itemprop=\"url\"> <meta itemprop=\"width\" content=\"346\"> <meta itemprop=\"height\" content=\"229\"> <img decoding=\"async\" class=\"\" data-attachment-id=\"114618\" data-orig-file=\"https:\/\/itayachtscanada.com\/wp-content\/uploads\/2023\/05\/Capture-decran-le-2023-05-20-a-09.35.46.png\" data-orig-size=\"962,638\" data-comments-opened=\"1\" data-image-meta=\"{&quot;aperture&quot;:&quot;0&quot;,&quot;credit&quot;:&quot;&quot;,&quot;camera&quot;:&quot;&quot;,&quot;caption&quot;:&quot;&quot;,&quot;created_timestamp&quot;:&quot;0&quot;,&quot;copyright&quot;:&quot;&quot;,&quot;focal_length&quot;:&quot;0&quot;,&quot;iso&quot;:&quot;0&quot;,&quot;shutter_speed&quot;:&quot;0&quot;,&quot;title&quot;:&quot;&quot;,&quot;orientation&quot;:&quot;0&quot;}\" data-image-title=\"Capture d\u2019\u00e9cran, le 2023-05-20 \u00e0 09.35.46\" data-image-description=\"\" data-medium-file=\"https:\/\/i0.wp.com\/itayachtscanada.com\/wp-content\/uploads\/2023\/05\/Capture-decran-le-2023-05-20-a-09.35.46.png?fit=300%2C199&#038;ssl=1\" data-large-file=\"https:\/\/i0.wp.com\/itayachtscanada.com\/wp-content\/uploads\/2023\/05\/Capture-decran-le-2023-05-20-a-09.35.46.png?fit=700%2C464&#038;ssl=1\" src=\"https:\/\/i0.wp.com\/itayachtscanada.com\/wp-content\/uploads\/2023\/05\/Capture-decran-le-2023-05-20-a-09.35.46.png?w=346&#038;h=229&#038;ssl=1\" srcset=\"https:\/\/i0.wp.com\/itayachtscanada.com\/wp-content\/uploads\/2023\/05\/Capture-decran-le-2023-05-20-a-09.35.46.png?w=962&amp;ssl=1 962w, https:\/\/i0.wp.com\/itayachtscanada.com\/wp-content\/uploads\/2023\/05\/Capture-decran-le-2023-05-20-a-09.35.46.png?resize=300%2C199&amp;ssl=1 300w, https:\/\/i0.wp.com\/itayachtscanada.com\/wp-content\/uploads\/2023\/05\/Capture-decran-le-2023-05-20-a-09.35.46.png?resize=768%2C509&amp;ssl=1 768w, https:\/\/i0.wp.com\/itayachtscanada.com\/wp-content\/uploads\/2023\/05\/Capture-decran-le-2023-05-20-a-09.35.46.png?resize=700%2C464&amp;ssl=1 700w, https:\/\/i0.wp.com\/itayachtscanada.com\/wp-content\/uploads\/2023\/05\/Capture-decran-le-2023-05-20-a-09.35.46.png?resize=603%2C400&amp;ssl=1 603w\" width=\"346\" height=\"229\" loading=\"lazy\" data-original-width=\"346\" data-original-height=\"229\" itemprop=\"http:\/\/schema.org\/image\" title=\"Capture d\u2019\u00e9cran, le 2023-05-20 \u00e0 09.35.46\" alt=\"Capture d\u2019\u00e9cran, le 2023-05-20 \u00e0 09.35.46\" style=\"width: 346px; height: 229px;\" \/> <\/a> <\/div> <\/div> <!-- close group --> <div class=\"gallery-group images-1\" style=\"width: 350px; height: 233px;\" data-original-width=\"350\" data-original-height=\"233\" > <div class=\"tiled-gallery-item tiled-gallery-item-large\" itemprop=\"associatedMedia\" itemscope itemtype=\"http:\/\/schema.org\/ImageObject\"> <a href=\"https:\/\/itayachtscanada.com\/fr\/listing\/ferretti-780-flybridge-2019-4249000-usd-for-sale\/capture-decran-le-2023-05-20-a-09-35-42\/\" border=\"0\" itemprop=\"url\"> <meta itemprop=\"width\" content=\"346\"> <meta itemprop=\"height\" content=\"229\"> <img decoding=\"async\" class=\"\" data-attachment-id=\"114619\" data-orig-file=\"https:\/\/itayachtscanada.com\/wp-content\/uploads\/2023\/05\/Capture-decran-le-2023-05-20-a-09.35.42.png\" data-orig-size=\"962,638\" data-comments-opened=\"1\" data-image-meta=\"{&quot;aperture&quot;:&quot;0&quot;,&quot;credit&quot;:&quot;&quot;,&quot;camera&quot;:&quot;&quot;,&quot;caption&quot;:&quot;&quot;,&quot;created_timestamp&quot;:&quot;0&quot;,&quot;copyright&quot;:&quot;&quot;,&quot;focal_length&quot;:&quot;0&quot;,&quot;iso&quot;:&quot;0&quot;,&quot;shutter_speed&quot;:&quot;0&quot;,&quot;title&quot;:&quot;&quot;,&quot;orientation&quot;:&quot;0&quot;}\" data-image-title=\"Capture d\u2019\u00e9cran, le 2023-05-20 \u00e0 09.35.42\" data-image-description=\"\" data-medium-file=\"https:\/\/i0.wp.com\/itayachtscanada.com\/wp-content\/uploads\/2023\/05\/Capture-decran-le-2023-05-20-a-09.35.42.png?fit=300%2C199&#038;ssl=1\" data-large-file=\"https:\/\/i0.wp.com\/itayachtscanada.com\/wp-content\/uploads\/2023\/05\/Capture-decran-le-2023-05-20-a-09.35.42.png?fit=700%2C464&#038;ssl=1\" src=\"https:\/\/i0.wp.com\/itayachtscanada.com\/wp-content\/uploads\/2023\/05\/Capture-decran-le-2023-05-20-a-09.35.42.png?w=346&#038;h=229&#038;ssl=1\" srcset=\"https:\/\/i0.wp.com\/itayachtscanada.com\/wp-content\/uploads\/2023\/05\/Capture-decran-le-2023-05-20-a-09.35.42.png?w=962&amp;ssl=1 962w, https:\/\/i0.wp.com\/itayachtscanada.com\/wp-content\/uploads\/2023\/05\/Capture-decran-le-2023-05-20-a-09.35.42.png?resize=300%2C199&amp;ssl=1 300w, https:\/\/i0.wp.com\/itayachtscanada.com\/wp-content\/uploads\/2023\/05\/Capture-decran-le-2023-05-20-a-09.35.42.png?resize=768%2C509&amp;ssl=1 768w, https:\/\/i0.wp.com\/itayachtscanada.com\/wp-content\/uploads\/2023\/05\/Capture-decran-le-2023-05-20-a-09.35.42.png?resize=700%2C464&amp;ssl=1 700w, https:\/\/i0.wp.com\/itayachtscanada.com\/wp-content\/uploads\/2023\/05\/Capture-decran-le-2023-05-20-a-09.35.42.png?resize=603%2C400&amp;ssl=1 603w\" width=\"346\" height=\"229\" loading=\"lazy\" data-original-width=\"346\" data-original-height=\"229\" itemprop=\"http:\/\/schema.org\/image\" title=\"Capture d\u2019\u00e9cran, le 2023-05-20 \u00e0 09.35.42\" alt=\"Capture d\u2019\u00e9cran, le 2023-05-20 \u00e0 09.35.42\" style=\"width: 346px; height: 229px;\" \/> <\/a> <\/div> <\/div> <!-- close group --> <\/div> <!-- close row --> <div class=\"gallery-row\" style=\"width: 700px; height: 311px;\" data-original-width=\"700\" data-original-height=\"311\" > <div class=\"gallery-group images-1\" style=\"width: 467px; height: 311px;\" data-original-width=\"467\" data-original-height=\"311\" > <div class=\"tiled-gallery-item tiled-gallery-item-large\" itemprop=\"associatedMedia\" itemscope itemtype=\"http:\/\/schema.org\/ImageObject\"> <a href=\"https:\/\/itayachtscanada.com\/fr\/listing\/ferretti-780-flybridge-2019-4249000-usd-for-sale\/capture-decran-le-2023-05-20-a-09-35-39\/\" border=\"0\" itemprop=\"url\"> <meta itemprop=\"width\" content=\"463\"> <meta itemprop=\"height\" content=\"307\"> <img decoding=\"async\" class=\"\" data-attachment-id=\"114620\" data-orig-file=\"https:\/\/itayachtscanada.com\/wp-content\/uploads\/2023\/05\/Capture-decran-le-2023-05-20-a-09.35.39.png\" data-orig-size=\"962,638\" data-comments-opened=\"1\" data-image-meta=\"{&quot;aperture&quot;:&quot;0&quot;,&quot;credit&quot;:&quot;&quot;,&quot;camera&quot;:&quot;&quot;,&quot;caption&quot;:&quot;&quot;,&quot;created_timestamp&quot;:&quot;0&quot;,&quot;copyright&quot;:&quot;&quot;,&quot;focal_length&quot;:&quot;0&quot;,&quot;iso&quot;:&quot;0&quot;,&quot;shutter_speed&quot;:&quot;0&quot;,&quot;title&quot;:&quot;&quot;,&quot;orientation&quot;:&quot;0&quot;}\" data-image-title=\"Capture d\u2019\u00e9cran, le 2023-05-20 \u00e0 09.35.39\" data-image-description=\"\" data-medium-file=\"https:\/\/i0.wp.com\/itayachtscanada.com\/wp-content\/uploads\/2023\/05\/Capture-decran-le-2023-05-20-a-09.35.39.png?fit=300%2C199&#038;ssl=1\" data-large-file=\"https:\/\/i0.wp.com\/itayachtscanada.com\/wp-content\/uploads\/2023\/05\/Capture-decran-le-2023-05-20-a-09.35.39.png?fit=700%2C464&#038;ssl=1\" src=\"https:\/\/i0.wp.com\/itayachtscanada.com\/wp-content\/uploads\/2023\/05\/Capture-decran-le-2023-05-20-a-09.35.39.png?w=463&#038;h=307&#038;ssl=1\" srcset=\"https:\/\/i0.wp.com\/itayachtscanada.com\/wp-content\/uploads\/2023\/05\/Capture-decran-le-2023-05-20-a-09.35.39.png?w=962&amp;ssl=1 962w, https:\/\/i0.wp.com\/itayachtscanada.com\/wp-content\/uploads\/2023\/05\/Capture-decran-le-2023-05-20-a-09.35.39.png?resize=300%2C199&amp;ssl=1 300w, https:\/\/i0.wp.com\/itayachtscanada.com\/wp-content\/uploads\/2023\/05\/Capture-decran-le-2023-05-20-a-09.35.39.png?resize=768%2C509&amp;ssl=1 768w, https:\/\/i0.wp.com\/itayachtscanada.com\/wp-content\/uploads\/2023\/05\/Capture-decran-le-2023-05-20-a-09.35.39.png?resize=700%2C464&amp;ssl=1 700w, https:\/\/i0.wp.com\/itayachtscanada.com\/wp-content\/uploads\/2023\/05\/Capture-decran-le-2023-05-20-a-09.35.39.png?resize=603%2C400&amp;ssl=1 603w\" width=\"463\" height=\"307\" loading=\"lazy\" data-original-width=\"463\" data-original-height=\"307\" itemprop=\"http:\/\/schema.org\/image\" title=\"Capture d\u2019\u00e9cran, le 2023-05-20 \u00e0 09.35.39\" alt=\"Capture d\u2019\u00e9cran, le 2023-05-20 \u00e0 09.35.39\" style=\"width: 463px; height: 307px;\" \/> <\/a> <\/div> <\/div> <!-- close group --> <div class=\"gallery-group images-2\" style=\"width: 233px; height: 311px;\" data-original-width=\"233\" data-original-height=\"311\" > <div class=\"tiled-gallery-item tiled-gallery-item-small\" itemprop=\"associatedMedia\" itemscope itemtype=\"http:\/\/schema.org\/ImageObject\"> <a href=\"https:\/\/itayachtscanada.com\/fr\/listing\/ferretti-780-flybridge-2019-4249000-usd-for-sale\/capture-decran-le-2023-05-20-a-09-35-36\/\" border=\"0\" itemprop=\"url\"> <meta itemprop=\"width\" content=\"229\"> <meta itemprop=\"height\" content=\"152\"> <img decoding=\"async\" class=\"\" data-attachment-id=\"114621\" data-orig-file=\"https:\/\/itayachtscanada.com\/wp-content\/uploads\/2023\/05\/Capture-decran-le-2023-05-20-a-09.35.36.png\" data-orig-size=\"962,638\" data-comments-opened=\"1\" data-image-meta=\"{&quot;aperture&quot;:&quot;0&quot;,&quot;credit&quot;:&quot;&quot;,&quot;camera&quot;:&quot;&quot;,&quot;caption&quot;:&quot;&quot;,&quot;created_timestamp&quot;:&quot;0&quot;,&quot;copyright&quot;:&quot;&quot;,&quot;focal_length&quot;:&quot;0&quot;,&quot;iso&quot;:&quot;0&quot;,&quot;shutter_speed&quot;:&quot;0&quot;,&quot;title&quot;:&quot;&quot;,&quot;orientation&quot;:&quot;0&quot;}\" data-image-title=\"Capture d\u2019\u00e9cran, le 2023-05-20 \u00e0 09.35.36\" data-image-description=\"\" data-medium-file=\"https:\/\/i0.wp.com\/itayachtscanada.com\/wp-content\/uploads\/2023\/05\/Capture-decran-le-2023-05-20-a-09.35.36.png?fit=300%2C199&#038;ssl=1\" data-large-file=\"https:\/\/i0.wp.com\/itayachtscanada.com\/wp-content\/uploads\/2023\/05\/Capture-decran-le-2023-05-20-a-09.35.36.png?fit=700%2C464&#038;ssl=1\" src=\"https:\/\/i0.wp.com\/itayachtscanada.com\/wp-content\/uploads\/2023\/05\/Capture-decran-le-2023-05-20-a-09.35.36.png?w=229&#038;h=152&#038;ssl=1\" srcset=\"https:\/\/i0.wp.com\/itayachtscanada.com\/wp-content\/uploads\/2023\/05\/Capture-decran-le-2023-05-20-a-09.35.36.png?w=962&amp;ssl=1 962w, https:\/\/i0.wp.com\/itayachtscanada.com\/wp-content\/uploads\/2023\/05\/Capture-decran-le-2023-05-20-a-09.35.36.png?resize=300%2C199&amp;ssl=1 300w, https:\/\/i0.wp.com\/itayachtscanada.com\/wp-content\/uploads\/2023\/05\/Capture-decran-le-2023-05-20-a-09.35.36.png?resize=768%2C509&amp;ssl=1 768w, https:\/\/i0.wp.com\/itayachtscanada.com\/wp-content\/uploads\/2023\/05\/Capture-decran-le-2023-05-20-a-09.35.36.png?resize=700%2C464&amp;ssl=1 700w, https:\/\/i0.wp.com\/itayachtscanada.com\/wp-content\/uploads\/2023\/05\/Capture-decran-le-2023-05-20-a-09.35.36.png?resize=900%2C600&amp;ssl=1 900w, https:\/\/i0.wp.com\/itayachtscanada.com\/wp-content\/uploads\/2023\/05\/Capture-decran-le-2023-05-20-a-09.35.36.png?resize=603%2C400&amp;ssl=1 603w\" width=\"229\" height=\"152\" loading=\"lazy\" data-original-width=\"229\" data-original-height=\"152\" itemprop=\"http:\/\/schema.org\/image\" title=\"Capture d\u2019\u00e9cran, le 2023-05-20 \u00e0 09.35.36\" alt=\"Capture d\u2019\u00e9cran, le 2023-05-20 \u00e0 09.35.36\" style=\"width: 229px; height: 152px;\" \/> <\/a> <\/div> <div class=\"tiled-gallery-item tiled-gallery-item-small\" itemprop=\"associatedMedia\" itemscope itemtype=\"http:\/\/schema.org\/ImageObject\"> <a href=\"https:\/\/itayachtscanada.com\/fr\/listing\/ferretti-780-flybridge-2019-4249000-usd-for-sale\/capture-decran-le-2023-05-20-a-09-35-33\/\" border=\"0\" itemprop=\"url\"> <meta itemprop=\"width\" content=\"229\"> <meta itemprop=\"height\" content=\"151\"> <img decoding=\"async\" class=\"\" data-attachment-id=\"114622\" data-orig-file=\"https:\/\/itayachtscanada.com\/wp-content\/uploads\/2023\/05\/Capture-decran-le-2023-05-20-a-09.35.33.png\" data-orig-size=\"962,638\" data-comments-opened=\"1\" data-image-meta=\"{&quot;aperture&quot;:&quot;0&quot;,&quot;credit&quot;:&quot;&quot;,&quot;camera&quot;:&quot;&quot;,&quot;caption&quot;:&quot;&quot;,&quot;created_timestamp&quot;:&quot;0&quot;,&quot;copyright&quot;:&quot;&quot;,&quot;focal_length&quot;:&quot;0&quot;,&quot;iso&quot;:&quot;0&quot;,&quot;shutter_speed&quot;:&quot;0&quot;,&quot;title&quot;:&quot;&quot;,&quot;orientation&quot;:&quot;0&quot;}\" data-image-title=\"Capture d\u2019\u00e9cran, le 2023-05-20 \u00e0 09.35.33\" data-image-description=\"\" data-medium-file=\"https:\/\/i0.wp.com\/itayachtscanada.com\/wp-content\/uploads\/2023\/05\/Capture-decran-le-2023-05-20-a-09.35.33.png?fit=300%2C199&#038;ssl=1\" data-large-file=\"https:\/\/i0.wp.com\/itayachtscanada.com\/wp-content\/uploads\/2023\/05\/Capture-decran-le-2023-05-20-a-09.35.33.png?fit=700%2C464&#038;ssl=1\" src=\"https:\/\/i0.wp.com\/itayachtscanada.com\/wp-content\/uploads\/2023\/05\/Capture-decran-le-2023-05-20-a-09.35.33.png?w=229&#038;h=151&#038;ssl=1\" srcset=\"https:\/\/i0.wp.com\/itayachtscanada.com\/wp-content\/uploads\/2023\/05\/Capture-decran-le-2023-05-20-a-09.35.33.png?w=962&amp;ssl=1 962w, https:\/\/i0.wp.com\/itayachtscanada.com\/wp-content\/uploads\/2023\/05\/Capture-decran-le-2023-05-20-a-09.35.33.png?resize=300%2C199&amp;ssl=1 300w, https:\/\/i0.wp.com\/itayachtscanada.com\/wp-content\/uploads\/2023\/05\/Capture-decran-le-2023-05-20-a-09.35.33.png?resize=768%2C509&amp;ssl=1 768w, https:\/\/i0.wp.com\/itayachtscanada.com\/wp-content\/uploads\/2023\/05\/Capture-decran-le-2023-05-20-a-09.35.33.png?resize=700%2C464&amp;ssl=1 700w, https:\/\/i0.wp.com\/itayachtscanada.com\/wp-content\/uploads\/2023\/05\/Capture-decran-le-2023-05-20-a-09.35.33.png?resize=603%2C400&amp;ssl=1 603w\" width=\"229\" height=\"151\" loading=\"lazy\" data-original-width=\"229\" data-original-height=\"151\" itemprop=\"http:\/\/schema.org\/image\" title=\"Capture d\u2019\u00e9cran, le 2023-05-20 \u00e0 09.35.33\" alt=\"Capture d\u2019\u00e9cran, le 2023-05-20 \u00e0 09.35.33\" style=\"width: 229px; height: 151px;\" \/> <\/a> <\/div> <\/div> <!-- close group --> <\/div> <!-- close row --> <div class=\"gallery-row\" style=\"width: 700px; height: 318px;\" data-original-width=\"700\" data-original-height=\"318\" > <div class=\"gallery-group images-2\" style=\"width: 223px; height: 318px;\" data-original-width=\"223\" data-original-height=\"318\" > <div class=\"tiled-gallery-item tiled-gallery-item-small\" itemprop=\"associatedMedia\" itemscope itemtype=\"http:\/\/schema.org\/ImageObject\"> <a href=\"https:\/\/itayachtscanada.com\/fr\/listing\/ferretti-780-flybridge-2019-4249000-usd-for-sale\/capture-decran-le-2023-05-20-a-09-35-30\/\" border=\"0\" itemprop=\"url\"> <meta itemprop=\"width\" content=\"219\"> <meta itemprop=\"height\" content=\"145\"> <img decoding=\"async\" class=\"\" data-attachment-id=\"114623\" data-orig-file=\"https:\/\/itayachtscanada.com\/wp-content\/uploads\/2023\/05\/Capture-decran-le-2023-05-20-a-09.35.30.png\" data-orig-size=\"962,638\" data-comments-opened=\"1\" data-image-meta=\"{&quot;aperture&quot;:&quot;0&quot;,&quot;credit&quot;:&quot;&quot;,&quot;camera&quot;:&quot;&quot;,&quot;caption&quot;:&quot;&quot;,&quot;created_timestamp&quot;:&quot;0&quot;,&quot;copyright&quot;:&quot;&quot;,&quot;focal_length&quot;:&quot;0&quot;,&quot;iso&quot;:&quot;0&quot;,&quot;shutter_speed&quot;:&quot;0&quot;,&quot;title&quot;:&quot;&quot;,&quot;orientation&quot;:&quot;0&quot;}\" data-image-title=\"Capture d\u2019\u00e9cran, le 2023-05-20 \u00e0 09.35.30\" data-image-description=\"\" data-medium-file=\"https:\/\/i0.wp.com\/itayachtscanada.com\/wp-content\/uploads\/2023\/05\/Capture-decran-le-2023-05-20-a-09.35.30.png?fit=300%2C199&#038;ssl=1\" data-large-file=\"https:\/\/i0.wp.com\/itayachtscanada.com\/wp-content\/uploads\/2023\/05\/Capture-decran-le-2023-05-20-a-09.35.30.png?fit=700%2C464&#038;ssl=1\" src=\"https:\/\/i0.wp.com\/itayachtscanada.com\/wp-content\/uploads\/2023\/05\/Capture-decran-le-2023-05-20-a-09.35.30.png?w=219&#038;h=145&#038;ssl=1\" srcset=\"https:\/\/i0.wp.com\/itayachtscanada.com\/wp-content\/uploads\/2023\/05\/Capture-decran-le-2023-05-20-a-09.35.30.png?w=962&amp;ssl=1 962w, https:\/\/i0.wp.com\/itayachtscanada.com\/wp-content\/uploads\/2023\/05\/Capture-decran-le-2023-05-20-a-09.35.30.png?resize=300%2C199&amp;ssl=1 300w, https:\/\/i0.wp.com\/itayachtscanada.com\/wp-content\/uploads\/2023\/05\/Capture-decran-le-2023-05-20-a-09.35.30.png?resize=768%2C509&amp;ssl=1 768w, https:\/\/i0.wp.com\/itayachtscanada.com\/wp-content\/uploads\/2023\/05\/Capture-decran-le-2023-05-20-a-09.35.30.png?resize=700%2C464&amp;ssl=1 700w, https:\/\/i0.wp.com\/itayachtscanada.com\/wp-content\/uploads\/2023\/05\/Capture-decran-le-2023-05-20-a-09.35.30.png?resize=900%2C600&amp;ssl=1 900w, https:\/\/i0.wp.com\/itayachtscanada.com\/wp-content\/uploads\/2023\/05\/Capture-decran-le-2023-05-20-a-09.35.30.png?resize=603%2C400&amp;ssl=1 603w\" width=\"219\" height=\"145\" loading=\"lazy\" data-original-width=\"219\" data-original-height=\"145\" itemprop=\"http:\/\/schema.org\/image\" title=\"Capture d\u2019\u00e9cran, le 2023-05-20 \u00e0 09.35.30\" alt=\"Capture d\u2019\u00e9cran, le 2023-05-20 \u00e0 09.35.30\" style=\"width: 219px; height: 145px;\" \/> <\/a> <\/div> <div class=\"tiled-gallery-item tiled-gallery-item-small\" itemprop=\"associatedMedia\" itemscope itemtype=\"http:\/\/schema.org\/ImageObject\"> <a href=\"https:\/\/itayachtscanada.com\/fr\/listing\/ferretti-780-flybridge-2019-4249000-usd-for-sale\/capture-decran-le-2023-05-20-a-09-35-21\/\" border=\"0\" itemprop=\"url\"> <meta itemprop=\"width\" content=\"219\"> <meta itemprop=\"height\" content=\"165\"> <img decoding=\"async\" class=\"\" data-attachment-id=\"114624\" data-orig-file=\"https:\/\/itayachtscanada.com\/wp-content\/uploads\/2023\/05\/Capture-decran-le-2023-05-20-a-09.35.21.png\" data-orig-size=\"846,638\" data-comments-opened=\"1\" data-image-meta=\"{&quot;aperture&quot;:&quot;0&quot;,&quot;credit&quot;:&quot;&quot;,&quot;camera&quot;:&quot;&quot;,&quot;caption&quot;:&quot;&quot;,&quot;created_timestamp&quot;:&quot;0&quot;,&quot;copyright&quot;:&quot;&quot;,&quot;focal_length&quot;:&quot;0&quot;,&quot;iso&quot;:&quot;0&quot;,&quot;shutter_speed&quot;:&quot;0&quot;,&quot;title&quot;:&quot;&quot;,&quot;orientation&quot;:&quot;0&quot;}\" data-image-title=\"Capture d\u2019\u00e9cran, le 2023-05-20 \u00e0 09.35.21\" data-image-description=\"\" data-medium-file=\"https:\/\/i0.wp.com\/itayachtscanada.com\/wp-content\/uploads\/2023\/05\/Capture-decran-le-2023-05-20-a-09.35.21.png?fit=300%2C226&#038;ssl=1\" data-large-file=\"https:\/\/i0.wp.com\/itayachtscanada.com\/wp-content\/uploads\/2023\/05\/Capture-decran-le-2023-05-20-a-09.35.21.png?fit=700%2C528&#038;ssl=1\" src=\"https:\/\/i0.wp.com\/itayachtscanada.com\/wp-content\/uploads\/2023\/05\/Capture-decran-le-2023-05-20-a-09.35.21.png?w=219&#038;h=165&#038;ssl=1\" srcset=\"https:\/\/i0.wp.com\/itayachtscanada.com\/wp-content\/uploads\/2023\/05\/Capture-decran-le-2023-05-20-a-09.35.21.png?w=846&amp;ssl=1 846w, https:\/\/i0.wp.com\/itayachtscanada.com\/wp-content\/uploads\/2023\/05\/Capture-decran-le-2023-05-20-a-09.35.21.png?resize=300%2C226&amp;ssl=1 300w, https:\/\/i0.wp.com\/itayachtscanada.com\/wp-content\/uploads\/2023\/05\/Capture-decran-le-2023-05-20-a-09.35.21.png?resize=768%2C579&amp;ssl=1 768w, https:\/\/i0.wp.com\/itayachtscanada.com\/wp-content\/uploads\/2023\/05\/Capture-decran-le-2023-05-20-a-09.35.21.png?resize=800%2C600&amp;ssl=1 800w, https:\/\/i0.wp.com\/itayachtscanada.com\/wp-content\/uploads\/2023\/05\/Capture-decran-le-2023-05-20-a-09.35.21.png?resize=400%2C300&amp;ssl=1 400w, https:\/\/i0.wp.com\/itayachtscanada.com\/wp-content\/uploads\/2023\/05\/Capture-decran-le-2023-05-20-a-09.35.21.png?resize=200%2C150&amp;ssl=1 200w, https:\/\/i0.wp.com\/itayachtscanada.com\/wp-content\/uploads\/2023\/05\/Capture-decran-le-2023-05-20-a-09.35.21.png?resize=700%2C528&amp;ssl=1 700w, https:\/\/i0.wp.com\/itayachtscanada.com\/wp-content\/uploads\/2023\/05\/Capture-decran-le-2023-05-20-a-09.35.21.png?resize=530%2C400&amp;ssl=1 530w\" width=\"219\" height=\"165\" loading=\"lazy\" data-original-width=\"219\" data-original-height=\"165\" itemprop=\"http:\/\/schema.org\/image\" title=\"Capture d\u2019\u00e9cran, le 2023-05-20 \u00e0 09.35.21\" alt=\"Capture d\u2019\u00e9cran, le 2023-05-20 \u00e0 09.35.21\" style=\"width: 219px; height: 165px;\" \/> <\/a> <\/div> <\/div> <!-- close group --> <div class=\"gallery-group images-1\" style=\"width: 477px; height: 318px;\" data-original-width=\"477\" data-original-height=\"318\" > <div class=\"tiled-gallery-item tiled-gallery-item-large\" itemprop=\"associatedMedia\" itemscope itemtype=\"http:\/\/schema.org\/ImageObject\"> <a href=\"https:\/\/itayachtscanada.com\/fr\/listing\/ferretti-780-flybridge-2019-4249000-usd-for-sale\/capture-decran-le-2023-05-20-a-09-35-14\/\" border=\"0\" itemprop=\"url\"> <meta itemprop=\"width\" content=\"473\"> <meta itemprop=\"height\" content=\"314\"> <img decoding=\"async\" class=\"\" data-attachment-id=\"114625\" data-orig-file=\"https:\/\/itayachtscanada.com\/wp-content\/uploads\/2023\/05\/Capture-decran-le-2023-05-20-a-09.35.14.png\" data-orig-size=\"960,638\" data-comments-opened=\"1\" data-image-meta=\"{&quot;aperture&quot;:&quot;0&quot;,&quot;credit&quot;:&quot;&quot;,&quot;camera&quot;:&quot;&quot;,&quot;caption&quot;:&quot;&quot;,&quot;created_timestamp&quot;:&quot;0&quot;,&quot;copyright&quot;:&quot;&quot;,&quot;focal_length&quot;:&quot;0&quot;,&quot;iso&quot;:&quot;0&quot;,&quot;shutter_speed&quot;:&quot;0&quot;,&quot;title&quot;:&quot;&quot;,&quot;orientation&quot;:&quot;0&quot;}\" data-image-title=\"Capture d\u2019\u00e9cran, le 2023-05-20 \u00e0 09.35.14\" data-image-description=\"\" data-medium-file=\"https:\/\/i0.wp.com\/itayachtscanada.com\/wp-content\/uploads\/2023\/05\/Capture-decran-le-2023-05-20-a-09.35.14.png?fit=300%2C199&#038;ssl=1\" data-large-file=\"https:\/\/i0.wp.com\/itayachtscanada.com\/wp-content\/uploads\/2023\/05\/Capture-decran-le-2023-05-20-a-09.35.14.png?fit=700%2C465&#038;ssl=1\" src=\"https:\/\/i0.wp.com\/itayachtscanada.com\/wp-content\/uploads\/2023\/05\/Capture-decran-le-2023-05-20-a-09.35.14.png?w=473&#038;h=314&#038;ssl=1\" srcset=\"https:\/\/i0.wp.com\/itayachtscanada.com\/wp-content\/uploads\/2023\/05\/Capture-decran-le-2023-05-20-a-09.35.14.png?w=960&amp;ssl=1 960w, https:\/\/i0.wp.com\/itayachtscanada.com\/wp-content\/uploads\/2023\/05\/Capture-decran-le-2023-05-20-a-09.35.14.png?resize=300%2C199&amp;ssl=1 300w, https:\/\/i0.wp.com\/itayachtscanada.com\/wp-content\/uploads\/2023\/05\/Capture-decran-le-2023-05-20-a-09.35.14.png?resize=768%2C510&amp;ssl=1 768w, https:\/\/i0.wp.com\/itayachtscanada.com\/wp-content\/uploads\/2023\/05\/Capture-decran-le-2023-05-20-a-09.35.14.png?resize=700%2C465&amp;ssl=1 700w, https:\/\/i0.wp.com\/itayachtscanada.com\/wp-content\/uploads\/2023\/05\/Capture-decran-le-2023-05-20-a-09.35.14.png?resize=900%2C600&amp;ssl=1 900w, https:\/\/i0.wp.com\/itayachtscanada.com\/wp-content\/uploads\/2023\/05\/Capture-decran-le-2023-05-20-a-09.35.14.png?resize=602%2C400&amp;ssl=1 602w\" width=\"473\" height=\"314\" loading=\"lazy\" data-original-width=\"473\" data-original-height=\"314\" itemprop=\"http:\/\/schema.org\/image\" title=\"Capture d\u2019\u00e9cran, le 2023-05-20 \u00e0 09.35.14\" alt=\"Capture d\u2019\u00e9cran, le 2023-05-20 \u00e0 09.35.14\" style=\"width: 473px; height: 314px;\" \/> <\/a> <\/div> <\/div> <!-- close group --> <\/div> <!-- close row --> <div class=\"gallery-row\" style=\"width: 700px; height: 261px;\" data-original-width=\"700\" data-original-height=\"261\" > <div class=\"gallery-group images-1\" style=\"width: 310px; height: 261px;\" data-original-width=\"310\" data-original-height=\"261\" > <div class=\"tiled-gallery-item tiled-gallery-item-large\" itemprop=\"associatedMedia\" itemscope itemtype=\"http:\/\/schema.org\/ImageObject\"> <a href=\"https:\/\/itayachtscanada.com\/fr\/listing\/ferretti-780-flybridge-2019-4249000-usd-for-sale\/diagram-ferretti-780-layout-2\/\" border=\"0\" itemprop=\"url\"> <meta itemprop=\"width\" content=\"306\"> <meta itemprop=\"height\" content=\"257\"> <img decoding=\"async\" class=\"\" data-attachment-id=\"114630\" data-orig-file=\"https:\/\/itayachtscanada.com\/wp-content\/uploads\/2023\/05\/diagram-Ferretti-780-Layout.jpeg\" data-orig-size=\"1030,864\" data-comments-opened=\"1\" data-image-meta=\"{&quot;aperture&quot;:&quot;0&quot;,&quot;credit&quot;:&quot;&quot;,&quot;camera&quot;:&quot;&quot;,&quot;caption&quot;:&quot;&quot;,&quot;created_timestamp&quot;:&quot;0&quot;,&quot;copyright&quot;:&quot;&quot;,&quot;focal_length&quot;:&quot;0&quot;,&quot;iso&quot;:&quot;0&quot;,&quot;shutter_speed&quot;:&quot;0&quot;,&quot;title&quot;:&quot;&quot;,&quot;orientation&quot;:&quot;0&quot;}\" data-image-title=\"diagram Ferretti 780 Layout\" data-image-description=\"\" data-medium-file=\"https:\/\/i0.wp.com\/itayachtscanada.com\/wp-content\/uploads\/2023\/05\/diagram-Ferretti-780-Layout.jpeg?fit=300%2C252&#038;ssl=1\" data-large-file=\"https:\/\/i0.wp.com\/itayachtscanada.com\/wp-content\/uploads\/2023\/05\/diagram-Ferretti-780-Layout.jpeg?fit=700%2C587&#038;ssl=1\" src=\"https:\/\/i0.wp.com\/itayachtscanada.com\/wp-content\/uploads\/2023\/05\/diagram-Ferretti-780-Layout.jpeg?w=306&#038;h=257&#038;ssl=1\" srcset=\"https:\/\/i0.wp.com\/itayachtscanada.com\/wp-content\/uploads\/2023\/05\/diagram-Ferretti-780-Layout.jpeg?w=1030&amp;ssl=1 1030w, https:\/\/i0.wp.com\/itayachtscanada.com\/wp-content\/uploads\/2023\/05\/diagram-Ferretti-780-Layout.jpeg?resize=300%2C252&amp;ssl=1 300w, https:\/\/i0.wp.com\/itayachtscanada.com\/wp-content\/uploads\/2023\/05\/diagram-Ferretti-780-Layout.jpeg?resize=1024%2C859&amp;ssl=1 1024w, https:\/\/i0.wp.com\/itayachtscanada.com\/wp-content\/uploads\/2023\/05\/diagram-Ferretti-780-Layout.jpeg?resize=768%2C644&amp;ssl=1 768w, https:\/\/i0.wp.com\/itayachtscanada.com\/wp-content\/uploads\/2023\/05\/diagram-Ferretti-780-Layout.jpeg?resize=700%2C587&amp;ssl=1 700w, https:\/\/i0.wp.com\/itayachtscanada.com\/wp-content\/uploads\/2023\/05\/diagram-Ferretti-780-Layout.jpeg?resize=477%2C400&amp;ssl=1 477w\" width=\"306\" height=\"257\" loading=\"lazy\" data-original-width=\"306\" data-original-height=\"257\" itemprop=\"http:\/\/schema.org\/image\" title=\"diagram Ferretti 780 Layout\" alt=\"diagram Ferretti 780 Layout\" style=\"width: 306px; height: 257px;\" \/> <\/a> <\/div> <\/div> <!-- close group --> <div class=\"gallery-group images-1\" style=\"width: 390px; height: 261px;\" data-original-width=\"390\" data-original-height=\"261\" > <div class=\"tiled-gallery-item tiled-gallery-item-large\" itemprop=\"associatedMedia\" itemscope itemtype=\"http:\/\/schema.org\/ImageObject\"> <a href=\"https:\/\/itayachtscanada.com\/fr\/listing\/ferretti-780-flybridge-2019-4249000-usd-for-sale\/capture-decran-le-2023-05-20-a-09-35-05\/\" border=\"0\" itemprop=\"url\"> <meta itemprop=\"width\" content=\"386\"> <meta itemprop=\"height\" content=\"257\"> <img decoding=\"async\" class=\"\" data-attachment-id=\"114628\" data-orig-file=\"https:\/\/itayachtscanada.com\/wp-content\/uploads\/2023\/05\/Capture-decran-le-2023-05-20-a-09.35.05.png\" data-orig-size=\"960,638\" data-comments-opened=\"1\" data-image-meta=\"{&quot;aperture&quot;:&quot;0&quot;,&quot;credit&quot;:&quot;&quot;,&quot;camera&quot;:&quot;&quot;,&quot;caption&quot;:&quot;&quot;,&quot;created_timestamp&quot;:&quot;0&quot;,&quot;copyright&quot;:&quot;&quot;,&quot;focal_length&quot;:&quot;0&quot;,&quot;iso&quot;:&quot;0&quot;,&quot;shutter_speed&quot;:&quot;0&quot;,&quot;title&quot;:&quot;&quot;,&quot;orientation&quot;:&quot;0&quot;}\" data-image-title=\"Capture d\u2019\u00e9cran, le 2023-05-20 \u00e0 09.35.05\" data-image-description=\"\" data-medium-file=\"https:\/\/i0.wp.com\/itayachtscanada.com\/wp-content\/uploads\/2023\/05\/Capture-decran-le-2023-05-20-a-09.35.05.png?fit=300%2C199&#038;ssl=1\" data-large-file=\"https:\/\/i0.wp.com\/itayachtscanada.com\/wp-content\/uploads\/2023\/05\/Capture-decran-le-2023-05-20-a-09.35.05.png?fit=700%2C465&#038;ssl=1\" src=\"https:\/\/i0.wp.com\/itayachtscanada.com\/wp-content\/uploads\/2023\/05\/Capture-decran-le-2023-05-20-a-09.35.05.png?w=386&#038;h=257&#038;ssl=1\" srcset=\"https:\/\/i0.wp.com\/itayachtscanada.com\/wp-content\/uploads\/2023\/05\/Capture-decran-le-2023-05-20-a-09.35.05.png?w=960&amp;ssl=1 960w, https:\/\/i0.wp.com\/itayachtscanada.com\/wp-content\/uploads\/2023\/05\/Capture-decran-le-2023-05-20-a-09.35.05.png?resize=300%2C199&amp;ssl=1 300w, https:\/\/i0.wp.com\/itayachtscanada.com\/wp-content\/uploads\/2023\/05\/Capture-decran-le-2023-05-20-a-09.35.05.png?resize=768%2C510&amp;ssl=1 768w, https:\/\/i0.wp.com\/itayachtscanada.com\/wp-content\/uploads\/2023\/05\/Capture-decran-le-2023-05-20-a-09.35.05.png?resize=700%2C465&amp;ssl=1 700w, https:\/\/i0.wp.com\/itayachtscanada.com\/wp-content\/uploads\/2023\/05\/Capture-decran-le-2023-05-20-a-09.35.05.png?resize=900%2C600&amp;ssl=1 900w, https:\/\/i0.wp.com\/itayachtscanada.com\/wp-content\/uploads\/2023\/05\/Capture-decran-le-2023-05-20-a-09.35.05.png?resize=602%2C400&amp;ssl=1 602w\" width=\"386\" height=\"257\" loading=\"lazy\" data-original-width=\"386\" data-original-height=\"257\" itemprop=\"http:\/\/schema.org\/image\" title=\"Capture d\u2019\u00e9cran, le 2023-05-20 \u00e0 09.35.05\" alt=\"Capture d\u2019\u00e9cran, le 2023-05-20 \u00e0 09.35.05\" style=\"width: 386px; height: 257px;\" \/> <\/a> <\/div> <\/div> <!-- close group --> <\/div> <!-- close row --> <div class=\"gallery-row\" style=\"width: 700px; height: 156px;\" data-original-width=\"700\" data-original-height=\"156\" > <div class=\"gallery-group images-1\" style=\"width: 234px; height: 156px;\" data-original-width=\"234\" data-original-height=\"156\" > <div class=\"tiled-gallery-item tiled-gallery-item-small\" itemprop=\"associatedMedia\" itemscope itemtype=\"http:\/\/schema.org\/ImageObject\"> <a href=\"https:\/\/itayachtscanada.com\/fr\/listing\/ferretti-780-flybridge-2019-4249000-usd-for-sale\/capture-decran-le-2023-05-20-a-09-35-11\/\" border=\"0\" itemprop=\"url\"> <meta itemprop=\"width\" content=\"230\"> <meta itemprop=\"height\" content=\"152\"> <img decoding=\"async\" class=\"\" data-attachment-id=\"114626\" data-orig-file=\"https:\/\/itayachtscanada.com\/wp-content\/uploads\/2023\/05\/Capture-decran-le-2023-05-20-a-09.35.11.png\" data-orig-size=\"960,638\" data-comments-opened=\"1\" data-image-meta=\"{&quot;aperture&quot;:&quot;0&quot;,&quot;credit&quot;:&quot;&quot;,&quot;camera&quot;:&quot;&quot;,&quot;caption&quot;:&quot;&quot;,&quot;created_timestamp&quot;:&quot;0&quot;,&quot;copyright&quot;:&quot;&quot;,&quot;focal_length&quot;:&quot;0&quot;,&quot;iso&quot;:&quot;0&quot;,&quot;shutter_speed&quot;:&quot;0&quot;,&quot;title&quot;:&quot;&quot;,&quot;orientation&quot;:&quot;0&quot;}\" data-image-title=\"Capture d\u2019\u00e9cran, le 2023-05-20 \u00e0 09.35.11\" data-image-description=\"\" data-medium-file=\"https:\/\/i0.wp.com\/itayachtscanada.com\/wp-content\/uploads\/2023\/05\/Capture-decran-le-2023-05-20-a-09.35.11.png?fit=300%2C199&#038;ssl=1\" data-large-file=\"https:\/\/i0.wp.com\/itayachtscanada.com\/wp-content\/uploads\/2023\/05\/Capture-decran-le-2023-05-20-a-09.35.11.png?fit=700%2C465&#038;ssl=1\" src=\"https:\/\/i0.wp.com\/itayachtscanada.com\/wp-content\/uploads\/2023\/05\/Capture-decran-le-2023-05-20-a-09.35.11.png?w=230&#038;h=152&#038;ssl=1\" srcset=\"https:\/\/i0.wp.com\/itayachtscanada.com\/wp-content\/uploads\/2023\/05\/Capture-decran-le-2023-05-20-a-09.35.11.png?w=960&amp;ssl=1 960w, https:\/\/i0.wp.com\/itayachtscanada.com\/wp-content\/uploads\/2023\/05\/Capture-decran-le-2023-05-20-a-09.35.11.png?resize=300%2C199&amp;ssl=1 300w, https:\/\/i0.wp.com\/itayachtscanada.com\/wp-content\/uploads\/2023\/05\/Capture-decran-le-2023-05-20-a-09.35.11.png?resize=768%2C510&amp;ssl=1 768w, https:\/\/i0.wp.com\/itayachtscanada.com\/wp-content\/uploads\/2023\/05\/Capture-decran-le-2023-05-20-a-09.35.11.png?resize=700%2C465&amp;ssl=1 700w, https:\/\/i0.wp.com\/itayachtscanada.com\/wp-content\/uploads\/2023\/05\/Capture-decran-le-2023-05-20-a-09.35.11.png?resize=900%2C600&amp;ssl=1 900w, https:\/\/i0.wp.com\/itayachtscanada.com\/wp-content\/uploads\/2023\/05\/Capture-decran-le-2023-05-20-a-09.35.11.png?resize=602%2C400&amp;ssl=1 602w\" width=\"230\" height=\"152\" loading=\"lazy\" data-original-width=\"230\" data-original-height=\"152\" itemprop=\"http:\/\/schema.org\/image\" title=\"Capture d\u2019\u00e9cran, le 2023-05-20 \u00e0 09.35.11\" alt=\"Capture d\u2019\u00e9cran, le 2023-05-20 \u00e0 09.35.11\" style=\"width: 230px; height: 152px;\" \/> <\/a> <\/div> <\/div> <!-- close group --> <div class=\"gallery-group images-1\" style=\"width: 233px; height: 156px;\" data-original-width=\"233\" data-original-height=\"156\" > <div class=\"tiled-gallery-item tiled-gallery-item-small\" itemprop=\"associatedMedia\" itemscope itemtype=\"http:\/\/schema.org\/ImageObject\"> <a href=\"https:\/\/itayachtscanada.com\/fr\/listing\/ferretti-780-flybridge-2019-4249000-usd-for-sale\/capture-decran-le-2023-05-20-a-09-35-08\/\" border=\"0\" itemprop=\"url\"> <meta itemprop=\"width\" content=\"229\"> <meta itemprop=\"height\" content=\"152\"> <img decoding=\"async\" class=\"\" data-attachment-id=\"114627\" data-orig-file=\"https:\/\/itayachtscanada.com\/wp-content\/uploads\/2023\/05\/Capture-decran-le-2023-05-20-a-09.35.08.png\" data-orig-size=\"960,638\" data-comments-opened=\"1\" data-image-meta=\"{&quot;aperture&quot;:&quot;0&quot;,&quot;credit&quot;:&quot;&quot;,&quot;camera&quot;:&quot;&quot;,&quot;caption&quot;:&quot;&quot;,&quot;created_timestamp&quot;:&quot;0&quot;,&quot;copyright&quot;:&quot;&quot;,&quot;focal_length&quot;:&quot;0&quot;,&quot;iso&quot;:&quot;0&quot;,&quot;shutter_speed&quot;:&quot;0&quot;,&quot;title&quot;:&quot;&quot;,&quot;orientation&quot;:&quot;0&quot;}\" data-image-title=\"Capture d\u2019\u00e9cran, le 2023-05-20 \u00e0 09.35.08\" data-image-description=\"\" data-medium-file=\"https:\/\/i0.wp.com\/itayachtscanada.com\/wp-content\/uploads\/2023\/05\/Capture-decran-le-2023-05-20-a-09.35.08.png?fit=300%2C199&#038;ssl=1\" data-large-file=\"https:\/\/i0.wp.com\/itayachtscanada.com\/wp-content\/uploads\/2023\/05\/Capture-decran-le-2023-05-20-a-09.35.08.png?fit=700%2C465&#038;ssl=1\" src=\"https:\/\/i0.wp.com\/itayachtscanada.com\/wp-content\/uploads\/2023\/05\/Capture-decran-le-2023-05-20-a-09.35.08.png?w=229&#038;h=152&#038;ssl=1\" srcset=\"https:\/\/i0.wp.com\/itayachtscanada.com\/wp-content\/uploads\/2023\/05\/Capture-decran-le-2023-05-20-a-09.35.08.png?w=960&amp;ssl=1 960w, https:\/\/i0.wp.com\/itayachtscanada.com\/wp-content\/uploads\/2023\/05\/Capture-decran-le-2023-05-20-a-09.35.08.png?resize=300%2C199&amp;ssl=1 300w, https:\/\/i0.wp.com\/itayachtscanada.com\/wp-content\/uploads\/2023\/05\/Capture-decran-le-2023-05-20-a-09.35.08.png?resize=768%2C510&amp;ssl=1 768w, https:\/\/i0.wp.com\/itayachtscanada.com\/wp-content\/uploads\/2023\/05\/Capture-decran-le-2023-05-20-a-09.35.08.png?resize=700%2C465&amp;ssl=1 700w, https:\/\/i0.wp.com\/itayachtscanada.com\/wp-content\/uploads\/2023\/05\/Capture-decran-le-2023-05-20-a-09.35.08.png?resize=900%2C600&amp;ssl=1 900w, https:\/\/i0.wp.com\/itayachtscanada.com\/wp-content\/uploads\/2023\/05\/Capture-decran-le-2023-05-20-a-09.35.08.png?resize=602%2C400&amp;ssl=1 602w\" width=\"229\" height=\"152\" loading=\"lazy\" data-original-width=\"229\" data-original-height=\"152\" itemprop=\"http:\/\/schema.org\/image\" title=\"Capture d\u2019\u00e9cran, le 2023-05-20 \u00e0 09.35.08\" alt=\"Capture d\u2019\u00e9cran, le 2023-05-20 \u00e0 09.35.08\" style=\"width: 229px; height: 152px;\" \/> <\/a> <\/div> <\/div> <!-- close group --> <div class=\"gallery-group images-1\" style=\"width: 233px; height: 156px;\" data-original-width=\"233\" data-original-height=\"156\" > <div class=\"tiled-gallery-item tiled-gallery-item-small\" itemprop=\"associatedMedia\" itemscope itemtype=\"http:\/\/schema.org\/ImageObject\"> <a href=\"https:\/\/itayachtscanada.com\/fr\/listing\/ferretti-780-flybridge-2019-4249000-usd-for-sale\/capture-decran-le-2023-05-20-a-09-35-01\/\" border=\"0\" itemprop=\"url\"> <meta itemprop=\"width\" content=\"229\"> <meta itemprop=\"height\" content=\"152\"> <img decoding=\"async\" class=\"\" data-attachment-id=\"114629\" data-orig-file=\"https:\/\/itayachtscanada.com\/wp-content\/uploads\/2023\/05\/Capture-decran-le-2023-05-20-a-09.35.01.png\" data-orig-size=\"960,638\" data-comments-opened=\"1\" data-image-meta=\"{&quot;aperture&quot;:&quot;0&quot;,&quot;credit&quot;:&quot;&quot;,&quot;camera&quot;:&quot;&quot;,&quot;caption&quot;:&quot;&quot;,&quot;created_timestamp&quot;:&quot;0&quot;,&quot;copyright&quot;:&quot;&quot;,&quot;focal_length&quot;:&quot;0&quot;,&quot;iso&quot;:&quot;0&quot;,&quot;shutter_speed&quot;:&quot;0&quot;,&quot;title&quot;:&quot;&quot;,&quot;orientation&quot;:&quot;0&quot;}\" data-image-title=\"Capture d\u2019\u00e9cran, le 2023-05-20 \u00e0 09.35.01\" data-image-description=\"\" data-medium-file=\"https:\/\/i0.wp.com\/itayachtscanada.com\/wp-content\/uploads\/2023\/05\/Capture-decran-le-2023-05-20-a-09.35.01.png?fit=300%2C199&#038;ssl=1\" data-large-file=\"https:\/\/i0.wp.com\/itayachtscanada.com\/wp-content\/uploads\/2023\/05\/Capture-decran-le-2023-05-20-a-09.35.01.png?fit=700%2C465&#038;ssl=1\" src=\"https:\/\/i0.wp.com\/itayachtscanada.com\/wp-content\/uploads\/2023\/05\/Capture-decran-le-2023-05-20-a-09.35.01.png?w=229&#038;h=152&#038;ssl=1\" srcset=\"https:\/\/i0.wp.com\/itayachtscanada.com\/wp-content\/uploads\/2023\/05\/Capture-decran-le-2023-05-20-a-09.35.01.png?w=960&amp;ssl=1 960w, https:\/\/i0.wp.com\/itayachtscanada.com\/wp-content\/uploads\/2023\/05\/Capture-decran-le-2023-05-20-a-09.35.01.png?resize=300%2C199&amp;ssl=1 300w, https:\/\/i0.wp.com\/itayachtscanada.com\/wp-content\/uploads\/2023\/05\/Capture-decran-le-2023-05-20-a-09.35.01.png?resize=768%2C510&amp;ssl=1 768w, https:\/\/i0.wp.com\/itayachtscanada.com\/wp-content\/uploads\/2023\/05\/Capture-decran-le-2023-05-20-a-09.35.01.png?resize=700%2C465&amp;ssl=1 700w, https:\/\/i0.wp.com\/itayachtscanada.com\/wp-content\/uploads\/2023\/05\/Capture-decran-le-2023-05-20-a-09.35.01.png?resize=900%2C600&amp;ssl=1 900w, https:\/\/i0.wp.com\/itayachtscanada.com\/wp-content\/uploads\/2023\/05\/Capture-decran-le-2023-05-20-a-09.35.01.png?resize=602%2C400&amp;ssl=1 602w\" width=\"229\" height=\"152\" loading=\"lazy\" data-original-width=\"229\" data-original-height=\"152\" itemprop=\"http:\/\/schema.org\/image\" title=\"Capture d\u2019\u00e9cran, le 2023-05-20 \u00e0 09.35.01\" alt=\"Capture d\u2019\u00e9cran, le 2023-05-20 \u00e0 09.35.01\" style=\"width: 229px; height: 152px;\" \/> <\/a> <\/div> <\/div> <!-- close group --> <\/div> <!-- close row --> <\/div>\n<p>&nbsp;<\/p>\n<p>&nbsp;<\/p>\n<div class=\"jetpack-video-wrapper\"><span class=\"embed-youtube\" style=\"text-align:center; display: block;\"><iframe loading=\"lazy\" class=\"youtube-player\" width=\"700\" height=\"394\" src=\"https:\/\/www.youtube.com\/embed\/UF6l_LcT8Sc?version=3&#038;rel=1&#038;showsearch=0&#038;showinfo=1&#038;iv_load_policy=1&#038;fs=1&#038;hl=fr-FR&#038;autohide=2&#038;wmode=transparent\" allowfullscreen=\"true\" style=\"border:0;\" sandbox=\"allow-scripts allow-same-origin allow-popups allow-presentation allow-popups-to-escape-sandbox\"><\/iframe><\/span><\/div>\n<p>&nbsp;<\/p>\n<div class=\"jetpack-video-wrapper\"><span class=\"embed-youtube\" style=\"text-align:center; display: block;\"><iframe loading=\"lazy\" class=\"youtube-player\" width=\"700\" height=\"394\" src=\"https:\/\/www.youtube.com\/embed\/K2Njg_G24L8?version=3&#038;rel=1&#038;showsearch=0&#038;showinfo=1&#038;iv_load_policy=1&#038;fs=1&#038;hl=fr-FR&#038;autohide=2&#038;start=2&#038;wmode=transparent\" allowfullscreen=\"true\" style=\"border:0;\" sandbox=\"allow-scripts allow-same-origin allow-popups allow-presentation allow-popups-to-escape-sandbox\"><\/iframe><\/span><\/div>\n<p>&nbsp;<\/p>\n<div class=\"jetpack-video-wrapper\"><span class=\"embed-youtube\" style=\"text-align:center; display: block;\"><iframe loading=\"lazy\" class=\"youtube-player\" width=\"700\" height=\"394\" src=\"https:\/\/www.youtube.com\/embed\/ldMuSQw9bXQ?version=3&#038;rel=1&#038;showsearch=0&#038;showinfo=1&#038;iv_load_policy=1&#038;fs=1&#038;hl=fr-FR&#038;autohide=2&#038;wmode=transparent\" allowfullscreen=\"true\" style=\"border:0;\" sandbox=\"allow-scripts allow-same-origin allow-popups allow-presentation allow-popups-to-escape-sandbox\"><\/iframe><\/span><\/div>\n<p>&nbsp;<\/p>\n<div class=\"jetpack-video-wrapper\"><span class=\"embed-youtube\" style=\"text-align:center; display: block;\"><iframe loading=\"lazy\" class=\"youtube-player\" width=\"700\" height=\"394\" src=\"https:\/\/www.youtube.com\/embed\/v7slfSU3XEQ?version=3&#038;rel=1&#038;showsearch=0&#038;showinfo=1&#038;iv_load_policy=1&#038;fs=1&#038;hl=fr-FR&#038;autohide=2&#038;wmode=transparent\" allowfullscreen=\"true\" style=\"border:0;\" sandbox=\"allow-scripts allow-same-origin allow-popups allow-presentation allow-popups-to-escape-sandbox\"><\/iframe><\/span><\/div>\n<p>&nbsp;<\/p>\n<div><\/div>\n<\/div>\n<\/div>\n<\/div>\n<\/div>\n<\/div>\n<\/div>\n<\/div>\n<\/div>\n<\/div>\n<\/div>\n<\/div>\n<\/div>\n<div>\n<div class=\"html-content-description\">\n<div>\n<p>Ita Yachts Canada vous offre de vous assister et de voir \u00e0 vos int\u00e9r\u00eats pour l&rsquo;achat de ce yacht qui est \u00e0 vendre par une autre organisation. Nous serons pr\u00e9sents lors de l&rsquo;inspection et tout au long de la transaction, peu importe l&rsquo;endroit. L&rsquo;\u00e9quipe d&rsquo;Ita Yachts Canada s&rsquo;engage \u00e0 respecter les normes \u00e9thiques les plus \u00e9lev\u00e9es.<\/p>\n<p>Options d&rsquo;usine:<\/p>\n<p>Cuisine ouverte, version USA<br \/>\nAilerons stabilisateurs ZERO SPEED (FINS)<br \/>\nPr\u00e9disposition pour l&rsquo;installation d&rsquo;un bossoir \u00e0 la vol\u00e9e<br \/>\nEnrouleur de c\u00e2ble automatique et t\u00e9l\u00e9commande version US<br \/>\nLumi\u00e8res LED \u00e0 l&rsquo;avant<br \/>\nRecherche : contr\u00f4l\u00e9e par l&rsquo;\u00e9lectricit\u00e9. ACR RCL 100D<br \/>\nMachine \u00e0 glace Raritan Sul Fly<br \/>\nMachine \u00e0 gla\u00e7ons Raritan connect\u00e9e au r\u00e9servoir d&rsquo;eau Diff.<br \/>\nRefroidisseur de vin<br \/>\nTable de cuisson \u00e0 induction MIELE Diff.<br \/>\nFour combin\u00e9 MIELE<br \/>\nAncre en acier N.2 30\/50kg<br \/>\nPropspeed sur toutes les parties m\u00e9talliques et les robinets d&rsquo;arr\u00eat<br \/>\nBande de logement sous les lits (toutes les cabines)<br \/>\nSalle de bain principale : Radiateur s\u00e8che-serviettes<br \/>\nSalle de bain VIP : Radiateur s\u00e8che-serviettes<br \/>\nTV : \u00e9l\u00e9vateur \u00e9lectrique pour TV 40&Prime; \/ 65<br \/>\nTV 55&prime; dans le salon MD<br \/>\nTV 40&Prime; USA dans la cabine principale<br \/>\nTV 32&Prime; USA dans la cabine VIP<br \/>\nTV 22&Prime; USA dans la cabine d&rsquo;invit\u00e9 SX<br \/>\nTV 32&Prime; USA dans la cabine d&rsquo;invit\u00e9 DX<br \/>\nTV 22&Prime; USA dans la cabine de l&rsquo;\u00e9quipage<br \/>\nHi-Fi st\u00e9r\u00e9o FM\/CD\/DVD avec haut-parleurs<br \/>\nD\u00f4me vide pour KVH TVG USA<br \/>\nAntenne TV SAT HD7 Triamericas<br \/>\nD\u00e9codeur SAT HD USA<br \/>\nTVCC : cam\u00e9ra couleur interne suppl\u00e9mentaire<br \/>\nTVCC : cam\u00e9ra couleur externe, suppl\u00e9mentaire cad.<br \/>\nAudio Video HQ marque JL USA Diff.<br \/>\nPremium Internet Package USA<br \/>\nNavigation Simrad compl\u00e8te (\u00e9cran 24&Prime;)<br \/>\nPilote automatique Simrad : Clavier de commande OP10<br \/>\nAntenne radar HALO 4 diff\u00e9rente de Halo 3<br \/>\nSyst\u00e8me Sirius<br \/>\nCarte suppl\u00e9mentaire<br \/>\nPlancher en bois sur le pont principal Diff.<br \/>\nMeubles en cuir Diff.<br \/>\nMarbre dans la salle de bain principale Diff. de la norme<br \/>\nMarbre : Dessus de cuisine Diff. de la norme<br \/>\nMur de la proue du salon en Florim Diff.<br \/>\nChaises de salle \u00e0 manger Diff. de la norme<br \/>\nCanap\u00e9 du salon du pont principal Diff.<br \/>\nTable basse Diff. de la norme<br \/>\nTapis du salon du pont principal<br \/>\nRideaux Diff. de la norme<br \/>\nTapis du pont inf\u00e9rieur Diff.<br \/>\nLampes de salon et de cabine<br \/>\nPanneaux de la t\u00eate de lit du capitaine Diff.<br \/>\nAppui-t\u00eate Minotti dans la cabine principale Diff.<br \/>\nRev\u00eatement de la cabine Diff.<br \/>\nSi\u00e8ge pilote et copilote en cuir Diff.<br \/>\nRev\u00eatement ext\u00e9rieur Diff. de la norme<br \/>\nFauteuils de cockpit Diff. de la norme<br \/>\nSellerie du canap\u00e9 Fly &#8211; Diff.<br \/>\nLit de soleil sur le Fly<br \/>\nCertificat MAN EAPP<br \/>\nGelcoat 3kg<br \/>\nSyst\u00e8me AIS Simrad NAIS<br \/>\nParoi de proue et dessus de cuisine Diff.<br \/>\nCabine de flybridge Custom EZ 2CY<br \/>\nEnsemble d&rsquo;accessoires d\u00e9coratifs<br \/>\nPaquet de toile<br \/>\nCabine d&rsquo;\u00e9quipage en option : une couchette suppl\u00e9mentaire au lieu d&rsquo;un espace de rangement<br \/>\nMoteurs MAN 1550 ch Diff\u00e9rence par rapport \u00e0 la version standard<br \/>\nHard Top avec toit en verre<br \/>\nR\u00e9cup\u00e9ration du dessalinisateur Aquamatic 900-2<br \/>\nLits jumeaux (coulissants) dans la cabine invit\u00e9s Diff.<br \/>\nSyst\u00e8me REVERSO centralis\u00e9 : changement d&rsquo;huile, d&rsquo;inverseur et de g\u00e9n\u00e9rateur<br \/>\nPropulseur de poupe 20 HP \u00e9lectrique \u00e0 haut rendement (double h\u00e9lice)<br \/>\nPoste de commande dans le cockpit fixe avec couvercle<br \/>\nS\u00e9parateur de fum\u00e9e pour chaque g\u00e9n\u00e9rateur (4-19KW) 2&Prime;.<br \/>\nPrise d&rsquo;eau douce \u00e0 quai<br \/>\nSyst\u00e8me d&rsquo;\u00e9clairage : tubulaire sur les trottoirs<br \/>\nEclairage sous-marin -chaque-<br \/>\nEclairage des escaliers vers les cabines<br \/>\nPasserelle et cockpit en teck \u00e0 lamelles avec calfeutrage gris<br \/>\nCalfeutrage du teck en couleur grise du spoller noir<br \/>\nTeck sur le fly avec calfeutrage gris<br \/>\nVariateur de lumi\u00e8re dans le cockpit<br \/>\nEclairage dans les escaliers du spoller<br \/>\nLumi\u00e8res Led sur les marches d&rsquo;escalier vers le flybridge<br \/>\nVariateur pour le hard top<br \/>\nVariateur de lumi\u00e8re dans le salon<br \/>\nVariateur de lumi\u00e8re dans les cabines<br \/>\nR\u00e9frig\u00e9rateur dans le fly : 50 Lt<br \/>\nPlaque de cuisson Teppan Yaki<br \/>\n2 plaques de cuisson TEPPAN YAKI sur le flybridge, modification incluse<br \/>\nPoubelle dans le cockpit<br \/>\nHachoir \u00e0 d\u00e9chets dans l&rsquo;\u00e9vier de la cuisine 230v<br \/>\nRideaux \u00e9lectriques \u00e0 ouverture\/fermeture unique Salon<br \/>\nRideaux \u00e9lectriques \u00e0 ouverture\/fermeture unique Cabine principale<br \/>\nStore \u00e0 enroulement dans les cabines VIP\/Invit\u00e9s -chacune-<br \/>\nRideaux \u00e9lectriques une touche vers le haut\/vers le bas Cabines VIP\/Invit\u00e9s<br \/>\nLigne de flottaison Stripe Diff.<br \/>\nPeinture N.2 Couleur du d\u00f4me Gris<br \/>\nAntenne radar peinte en gris<br \/>\nPeinture de l&rsquo;antenne N.2 VHF en gris<br \/>\nTable pour la d\u00eenette de proue avec base fixe<br \/>\nBimini manuel \u00e0 l&rsquo;avant avec 4 m\u00e2ts en carbone<br \/>\nFly sun pad convertible en d\u00eenette avec table en teck<br \/>\nTaud de soleil avec 4 m\u00e2ts en carbone<br \/>\nTable en teck sur le fly Diff. de Std (makonll)<br \/>\nSi\u00e8ge de copilote au poste de pilotage principal<\/p>\n<p>&nbsp;<\/p>\n<p>Moteurs et \u00e9lectricit\u00e9<br \/>\nHeures de fonctionnement du moteur : TBD<\/p>\n<p>Heures du g\u00e9n\u00e9rateur Onan : TBD<\/p>\n<p>&nbsp;<\/p>\n<p>&nbsp;<\/p>\n<div>\n<p><strong>AVIS DE NON-RESPONSABILIT\u00c9<\/strong><\/p>\n<\/div>\n<div>\n<p><strong>Le bateau qui est pr\u00e9sent\u00e9 sur cette page, l\u2019est uniquement \u00e0 titre d&rsquo;information et n&rsquo;est pas n\u00e9cessairement toujours disponible \u00e0 la vente et\/ou \u00e0 la location.<\/strong><span class=\"apple-converted-space\"><b>\u00a0<\/b><\/span><strong>Ce bateau est peut-\u00eatre offert sous r\u00e9serve, il faut v\u00e9rifier sa disponibilit\u00e9.<\/strong><span class=\"apple-converted-space\"><b>\u00a0<\/b><\/span><strong>\u00a0Ce document ou cette annonce n&rsquo;est pas contractuel. Les informations sur les bateaux affich\u00e9es dans les r\u00e9sultats ci-dessus sont pr\u00e9sent\u00e9es en toute bonne foi et, bien qu&rsquo;elles soient consid\u00e9r\u00e9es comme correctes, elles ne sont pas garanties. Ita Yachts Canada ne garantit pas et n&rsquo;assume aucune responsabilit\u00e9 l\u00e9gale ou responsabilit\u00e9 pour l&rsquo;exactitude, l&rsquo;exhaustivit\u00e9 ou l&rsquo;utilit\u00e9 des informations et\/ou des images affich\u00e9es, car elles peuvent ne pas \u00eatre \u00e0 jour ou encore \u00eatres des images d&rsquo;un bateau comparable. Toutes les informations sur les bateaux peuvent \u00eatre modifi\u00e9es sans pr\u00e9avis et sont sans garantie.<\/strong><span class=\"apple-converted-space\">\u00a0<\/span><strong>Ce bateau est peut-\u00eatre offert par un autre courtier ouvert au co-courtage (co-brokerage).<\/strong><\/p>\n<\/div>\n<\/div>\n<\/div>\n<\/div>\n<p>&nbsp;<\/p>\n<div data-test='contact-form'\n\t\t\tid='contact-form-114569'\n\t\t\tclass='jetpack-contact-form-container '\n\t\t\tdata-wp-interactive='jetpack\/form' data-wp-context='{\"formId\":\"114569\",\"formHash\":\"6505ee02c99f8f56d17f7a40286c71c26a7e7742\",\"showErrors\":false,\"errors\":[],\"fields\":[],\"isMultiStep\":false,\"useAjax\":false,\"submissionData\":null,\"formattedSubmissionData\":[],\"submissionSuccess\":false,\"submissionError\":null,\"elementId\":\"jp-form-6505ee02c99f8f56d17f7a40286c71c26a7e7742\",\"isSingleInputForm\":false,\"isForcedHorizontal\":false}'\n\t\t\tdata-wp-watch--scroll-to-wrapper=\"callbacks.scrollToWrapper\"\n\t\t>\n<div class=\"contact-form-submission contact-form-ajax-submission\" data-wp-bind--aria-hidden=\"state.isSuccessMessageAriaHidden\" data-wp-class--submission-success=\"context.submissionSuccess\" id=\"contact-form-success-6505ee02c99f8f56d17f7a40286c71c26a7e7742\" tabindex=\"-1\" aria-labelledby=\"contact-form-success-header-6505ee02c99f8f56d17f7a40286c71c26a7e7742\"><p class=\"go-back-message\"><a class=\"link\" role=\"button\" tabindex=\"0\" data-wp-on--click=\"actions.goBack\" href=\"\/fr\/wp-json\/wp\/v2\/listing\/114569\">\u2190 Retour<\/a><\/p><h4 data-wp-bind--aria-hidden=\"state.isSuccessMessageAriaHidden\" id=\"contact-form-success-header-6505ee02c99f8f56d17f7a40286c71c26a7e7742\">Merci pour votre r\u00e9ponse. \u2728<\/h4>\n\n<template data-wp-each--submission=\"context.formattedSubmissionData\">\n\t\t\t\t\t<div class=\"jetpack_forms_contact-form-success-summary\">\n\t\t\t\t\t\t<div class=\"field-name-wrapper\">\n\t\t\t\t\t\t\t<div class=\"field-type-icon\" data-wp-watch=\"callbacks.watchFieldTypeIcon\"><\/div>\n\t\t\t\t\t\t\t<div class=\"field-name\" data-wp-text=\"context.submission.label\" data-wp-bind--hidden=\"!context.submission.label\"><\/div>\n\t\t\t\t\t\t<\/div>\n\t\t\t\t\t\t<div class=\"field-value\" data-wp-text=\"context.submission.value\" data-wp-bind--hidden=\"!context.submission.showPlainValue\"><\/div>\n\t\t\t\t\t\t<a class=\"field-url\" data-wp-bind--href=\"context.submission.url\" data-wp-text=\"context.submission.value\" data-wp-bind--hidden=\"!context.submission.url\" target=\"_blank\" rel=\"noopener noreferrer\"><\/a>\n\t\t\t\t\t\t<div class=\"field-rating\" data-wp-bind--hidden=\"!context.submission.rating\" data-wp-watch=\"callbacks.watchRatingIcons\"><\/div>\n\t\t\t\t\t\t<div class=\"field-images\" data-wp-bind--hidden=\"!context.submission.images\">\n\t\t\t\t\t\t\t<template data-wp-each--image=\"context.submission.images\">\n\t\t\t\t\t\t\t\t<div class=\"field-image-option\" data-wp-class--is-empty=\"!context.image.src\">\n\t\t\t\t\t\t\t\t\t<figure class=\"field-image-option__image\" data-wp-class--is-empty=\"!context.image.src\">\n\t\t\t\t\t\t\t\t\t\t<img data-wp-bind--src=\"context.image.src\" data-wp-bind--hidden=\"!context.image.src\" \/>\n\t\t\t\t\t\t\t\t\t\t<img decoding=\"async\" src=\"data:image\/gif;base64,R0lGODlhAQABAAD\/ACwAAAAAAQABAAACADs=\" data-wp-bind--hidden=\"context.image.src\" \/>\n\t\t\t\t\t\t\t\t\t<\/figure>\n\t\t\t\t\t\t\t\t\t<div class=\"field-image-option__label-wrapper\">\n\t\t\t\t\t\t\t\t\t\t<span class=\"field-image-option__label-code\" data-wp-text=\"context.image.letterCode\"><\/span>\n\t\t\t\t\t\t\t\t\t\t<span class=\"field-image-option__label\" data-wp-text=\"context.image.label\" data-wp-bind--hidden=\"!context.image.label\"><\/span>\n\t\t\t\t\t\t\t\t\t<\/div>\n\t\t\t\t\t\t\t\t<\/div>\n\t\t\t\t\t\t\t<\/template>\n\t\t\t\t\t\t<\/div>\n\t\t\t\t\t\t<div class=\"field-files\" data-wp-bind--hidden=\"!context.submission.files\">\n\t\t\t\t\t\t\t<template data-wp-each--file=\"context.submission.files\">\n\t\t\t\t\t\t\t\t<div class=\"field-file\">\n\t\t\t\t\t\t\t\t\t<div class=\"field-file__thumbnail\" data-wp-style--background-image=\"context.file.previewUrl\" data-wp-style--mask-image=\"context.file.iconUrl\" data-wp-bind--hidden=\"!context.file.hasPreview\"><\/div>\n\t\t\t\t\t\t\t\t\t<svg class=\"field-file__icon\" data-wp-bind--hidden=\"context.file.hasPreview\" width=\"20\" height=\"20\" viewBox=\"0 0 24 24\" fill=\"none\" xmlns=\"http:\/\/www.w3.org\/2000\/svg\" aria-hidden=\"true\">\n\t\t\t\t\t\t\t\t\t\t<path d=\"M14 2H6C4.9 2 4 2.9 4 4V20C4 21.1 4.89 22 5.99 22H18C19.1 22 20 21.1 20 20V8L14 2ZM18 20H6V4H13V9H18V20Z\" fill=\"currentColor\"\/>\n\t\t\t\t\t\t\t\t\t<\/svg>\n\t\t\t\t\t\t\t\t\t<span class=\"field-file__name\" data-wp-text=\"context.file.name\"><\/span>\n\t\t\t\t\t\t\t\t\t<span class=\"field-file__size\" data-wp-text=\"context.file.size\"><\/span>\n\t\t\t\t\t\t\t\t<\/div>\n\t\t\t\t\t\t\t<\/template>\n\t\t\t\t\t\t<\/div>\n\t\t\t\t\t<\/div>\n\t\t\t\t<\/template><\/div><form action='https:\/\/itayachtscanada.com\/fr\/listing\/ferretti-780-flybridge-2019-4249000-usd-for-sale\/'\n\t\t\t\tid='jp-form-6505ee02c99f8f56d17f7a40286c71c26a7e7742'\n\t\t\t\tmethod='post'\n\t\t\t\tclass='contact-form commentsblock jetpack-contact-form__form has-no-jetpack-form-layout' aria-label=\"{:en}Ferretti 780 Flybridge 2019 $3,795,000 usd for sale{:}{:fr}Ferretti 780 Flybridge 2019 $3,795,000 usd \u00e0 vendre{:}\"\n\t\t\t\tdata-wp-on--submit=\"actions.onFormSubmit\"\n\t\t\t\tdata-wp-on--reset=\"actions.onFormReset\"\n\t\t\t\tdata-wp-class--submission-success=\"context.submissionSuccess\"\n\t\t\t\tdata-wp-class--is-first-step=\"state.isFirstStep\"\n\t\t\t\tdata-wp-class--is-last-step=\"state.isLastStep\"\n\t\t\t\tdata-wp-class--is-ajax-form=\"context.useAjax\"\n\t\t\t\tnovalidate >\n<input type='hidden' name='jetpack_contact_form_jwt' value='eyJ0eXAiOiJKV1QiLCJhbGciOiJIUzI1NiJ9.eyJlbmNyeXB0ZWRfYXR0cmlidXRlcyI6IlMrYlU1SDRBd0xZVm5aR3BESks0VUdEckVxK00rZERMUHIwRHRYVHI5bklGTklZenU1NTNNL09RblpYcXN6YUNXTTNlWE5PeFluYlBxdUlKeFJ6NzIxRVI4VUpGOTJrTTRaa1Bqd2drRk94TFI5cUl0YzRLOFU5R2lzMUJOVzZXLy9qTmJwUUZqVzJUNEtxQ24vZUxLSUFmamRVS21LTHlWZzQ2SldPeExuTkRoeG1yOElROGRxQmEvYXYxaEhwRDBVUyttNzdZSjRGUk83endKWHZ1V2lhdW5zaWFRNk5OMVphRzlnMHl0SGtOYzlwdHREb0g1ZjdZVEZoQVh1M0RJcXpOendjdUhqS05pSnFyTFN5cnA5cDVQVmw4L0ZzQ2NRQ0plZ1FIUit4OUtWdmRCcjc4a0dGNUtSbzdWamVqV2tMbnpENVhKR2hUQXl3Y3Vhb2pmMHd5OGpaa2Fwak1vazdYbkxYRnZzL1A1Vk9udmhIakIxV1l4azAwVUI0emlaSlAvWmt0RXdOUmdBMGpVZ3FWQ3Jmbm52dG1hSytBSi94OE95OHZ2MCt0dTI4MWhyUmFMY0dDZk93ZVErazdpRDlhVWJCQzZhR1YrRG0zRjk3WXdzVFE2cXAyeHl4dEZZbFlDNGFzOER1SDh4cThaaU83VldqNE1sd3ZZTXRYbEFlUncwcHlsNm5WMU9uVml4NmhWUVA2V09jL1BTeHl2cUV5T3pxc2VVWkNjdThVQ01wL21xdVhDRVZXdWxoM0dwKy94VFZxajcxU2Zzd2NTejFGeUVqeEd1WjZHcURETjZOVVN3STBUbkIzeVFOb2NxeDZ5QVVpMVNaWUVDdFVpdnR0eHZpMHQzOU1qOGdYbWVocElTdDY4RC92a0lCMUg3OC9JSWNZU3ZTRkFwZ3FtMW5JaVUyVHBoUzJXQTdpcTFIRWpSdk5qMVpCVXBkMjFRcnZLNElVNndoSGh0cFNkNno0MHFuaGF3eUpiZjlFM08vS2VlY3BjbE1PcTJad3V1cTdBOVB5a1RXWTlsUG5xbFBDR05pNG8yWkpIUTY3N0dhZWZRSHhtcXRXWTNzeW9pN2ZnTWl2T1pQSjFsbHFBQ20rb1dzN3VFUFhCY2daWG9PeHh2Rnp0TlpqaFJ3Q2NYKzJuQ3J4RFlDdlBkd01QdFc5SjdkZy9oejNZc29xYnI4TE5VOFNZQko5WFRMUmRRcFZQWVJYdHhqZnVzSlIreEpyM2MyK3lZQmhWK29jcDYyQlJEVytqNTZ5elV4cTZMUUNaUFJqd3RRdnltOXNPOXlPczNMUVBzSTYiLCJjb250ZW50IjoiW2NvbnRhY3QtZmllbGQgbGFiZWw9XCJOb21cIiB0eXBlPVwibmFtZVwiIHJlcXVpcmVkPVwiMVwiXVtjb250YWN0LWZpZWxkIGxhYmVsPVwiRS1tYWlsXCIgdHlwZT1cImVtYWlsXCIgcmVxdWlyZWQ9XCIxXCJdW2NvbnRhY3QtZmllbGQgbGFiZWw9XCJBdSBzdWpldCBkZSBjZSB5YWNodCA6IFwiIHR5cGU9XCJ0ZXh0XCJdW2NvbnRhY3QtZmllbGQgbGFiZWw9XCJNZXNzYWdlXCIgdHlwZT1cInRleHRhcmVhXCJdIiwiaGFzaCI6IjY1MDVlZTAyYzk5ZjhmNTZkMTdmN2E0MDI4NmM3MWMyNmE3ZTc3NDIiLCJzb3VyY2UiOnsiZW50cnlfdGl0bGUiOiJGZXJyZXR0aSA3ODAgRmx5YnJpZGdlIDIwMTkgJDMsNzk1LDAwMCB1c2QgXHUwMGUwIHZlbmRyZSIsImVudHJ5X3BhZ2UiOjEsInNvdXJjZV9pZCI6MTE0NTY5LCJzb3VyY2VfdHlwZSI6InNpbmdsZSIsInJlcXVlc3RfdXJsIjoiaHR0cHM6Ly9pdGF5YWNodHNjYW5hZGEuY29tL2ZyL3dwLWpzb24vd3AvdjIvbGlzdGluZy8xMTQ1NjkifSwidmVyc2lvbiI6MiwiY2lwaGVyIjoiYWVzLTI1Ni1nY20ifQ.96hea02D0BegQ636phNF3EgT7cVxwZMGQ6G-cX9s8L4' \/>\n\n<div style=\"\"  data-wp-interactive=\"jetpack\/form\" data-wp-context='{\"fieldId\":\"g114569-nom\",\"fieldType\":\"name\",\"fieldLabel\":\"Nom\",\"fieldValue\":\"\",\"fieldPlaceholder\":\"\",\"fieldIsRequired\":\"1\",\"fieldErrorMessage\":\"\",\"fieldExtra\":[],\"formHash\":\"6505ee02c99f8f56d17f7a40286c71c26a7e7742\"}'  class='grunion-field-name-wrap grunion-field-wrap'  data-wp-init='callbacks.initializeField' data-wp-on--jetpack-form-reset='callbacks.initializeField' >\n<label\n\t\t\t\tfor='g114569-nom' class=\"grunion-field-label name\" >Nom<span class=\"grunion-label-required\" aria-hidden=\"true\">(obligatoire)<\/span><\/label>\n<input\n\t\t\t\t\ttype='text'\n\t\t\t\t\tname='g114569-nom'\n\t\t\t\t\tid='g114569-nom'\n\t\t\t\t\tvalue=''\n\n\t\t\t\t\tdata-wp-bind--aria-invalid='state.fieldAriaInvalid'\n\t\t\t\t\tdata-wp-bind--value='state.getFieldValue'\n\t\t\t\t\taria-describedby='g114569-nom-text-error-message'\n\t\t\t\t\tdata-wp-on--input='actions.onFieldChange'\n\t\t\t\t\tdata-wp-on--blur='actions.onFieldBlur'\n\t\t\t\t\tdata-wp-class--has-value='state.hasFieldValue'\n\n\t\t\t\t\tclass='name  grunion-field' \n\t\t\t\t\trequired='true' aria-required='true'  \/>\n \n\t\t\t<div id=\"g114569-nom-text-error\" class=\"contact-form__input-error\" data-wp-class--has-errors=\"state.fieldHasErrors\">\n\t\t\t\t<span class=\"contact-form__warning-icon\" aria-hidden=\"true\">\n\t\t\t\t\t<svg width=\"16\" height=\"16\" viewBox=\"0 0 16 16\" fill=\"none\" xmlns=\"http:\/\/www.w3.org\/2000\/svg\">\n\t\t\t\t\t\t<path d=\"M8.50015 11.6402H7.50015V10.6402H8.50015V11.6402Z\" \/>\n\t\t\t\t\t\t<path d=\"M7.50015 9.64018H8.50015V6.30684H7.50015V9.64018Z\" \/>\n\t\t\t\t\t\t<path fill-rule=\"evenodd\" clip-rule=\"evenodd\" d=\"M6.98331 3.0947C7.42933 2.30177 8.57096 2.30177 9.01698 3.09469L13.8771 11.7349C14.3145 12.5126 13.7525 13.4735 12.8602 13.4735H3.14004C2.24774 13.4735 1.68575 12.5126 2.12321 11.7349L6.98331 3.0947ZM8.14541 3.58496C8.08169 3.47168 7.9186 3.47168 7.85488 3.58496L2.99478 12.2251C2.93229 12.3362 3.01257 12.4735 3.14004 12.4735H12.8602C12.9877 12.4735 13.068 12.3362 13.0055 12.2251L8.14541 3.58496Z\" \/>\n\t\t\t\t\t<\/svg>\n\t\t\t\t<\/span>\n\t\t\t\t<span data-wp-text=\"state.errorMessage\" id=\"g114569-nom-text-error-message\"><\/span>\n\t\t\t<\/div> \n\t<\/div>\n\n<div style=\"\"  data-wp-interactive=\"jetpack\/form\" data-wp-context='{\"fieldId\":\"g114569-email\",\"fieldType\":\"email\",\"fieldLabel\":\"E-mail\",\"fieldValue\":\"\",\"fieldPlaceholder\":\"\",\"fieldIsRequired\":\"1\",\"fieldErrorMessage\":\"\",\"fieldExtra\":[],\"formHash\":\"6505ee02c99f8f56d17f7a40286c71c26a7e7742\"}'  class='grunion-field-email-wrap grunion-field-wrap'  data-wp-init='callbacks.initializeField' data-wp-on--jetpack-form-reset='callbacks.initializeField' >\n<label\n\t\t\t\tfor='g114569-email' class=\"grunion-field-label email\" >E-mail<span class=\"grunion-label-required\" aria-hidden=\"true\">(obligatoire)<\/span><\/label>\n<input\n\t\t\t\t\ttype='email'\n\t\t\t\t\tname='g114569-email'\n\t\t\t\t\tid='g114569-email'\n\t\t\t\t\tvalue=''\n\n\t\t\t\t\tdata-wp-bind--aria-invalid='state.fieldAriaInvalid'\n\t\t\t\t\tdata-wp-bind--value='state.getFieldValue'\n\t\t\t\t\taria-describedby='g114569-email-email-error-message'\n\t\t\t\t\tdata-wp-on--input='actions.onFieldChange'\n\t\t\t\t\tdata-wp-on--blur='actions.onFieldBlur'\n\t\t\t\t\tdata-wp-class--has-value='state.hasFieldValue'\n\n\t\t\t\t\tclass='email  grunion-field' \n\t\t\t\t\trequired='true' aria-required='true'  \/>\n \n\t\t\t<div id=\"g114569-email-email-error\" class=\"contact-form__input-error\" data-wp-class--has-errors=\"state.fieldHasErrors\">\n\t\t\t\t<span class=\"contact-form__warning-icon\" aria-hidden=\"true\">\n\t\t\t\t\t<svg width=\"16\" height=\"16\" viewBox=\"0 0 16 16\" fill=\"none\" xmlns=\"http:\/\/www.w3.org\/2000\/svg\">\n\t\t\t\t\t\t<path d=\"M8.50015 11.6402H7.50015V10.6402H8.50015V11.6402Z\" \/>\n\t\t\t\t\t\t<path d=\"M7.50015 9.64018H8.50015V6.30684H7.50015V9.64018Z\" \/>\n\t\t\t\t\t\t<path fill-rule=\"evenodd\" clip-rule=\"evenodd\" d=\"M6.98331 3.0947C7.42933 2.30177 8.57096 2.30177 9.01698 3.09469L13.8771 11.7349C14.3145 12.5126 13.7525 13.4735 12.8602 13.4735H3.14004C2.24774 13.4735 1.68575 12.5126 2.12321 11.7349L6.98331 3.0947ZM8.14541 3.58496C8.08169 3.47168 7.9186 3.47168 7.85488 3.58496L2.99478 12.2251C2.93229 12.3362 3.01257 12.4735 3.14004 12.4735H12.8602C12.9877 12.4735 13.068 12.3362 13.0055 12.2251L8.14541 3.58496Z\" \/>\n\t\t\t\t\t<\/svg>\n\t\t\t\t<\/span>\n\t\t\t\t<span data-wp-text=\"state.errorMessage\" id=\"g114569-email-email-error-message\"><\/span>\n\t\t\t<\/div> \n\t<\/div>\n\n<div style=\"\"  data-wp-interactive=\"jetpack\/form\" data-wp-context='{\"fieldId\":\"g114569-ausujetdeceyacht\",\"fieldType\":\"text\",\"fieldLabel\":\"Au sujet de ce yacht : \",\"fieldValue\":\"\",\"fieldPlaceholder\":\"\",\"fieldIsRequired\":\"\",\"fieldErrorMessage\":\"\",\"fieldExtra\":[],\"formHash\":\"6505ee02c99f8f56d17f7a40286c71c26a7e7742\"}'  class='grunion-field-text-wrap grunion-field-wrap'  data-wp-init='callbacks.initializeField' data-wp-on--jetpack-form-reset='callbacks.initializeField' >\n<label\n\t\t\t\tfor='g114569-ausujetdeceyacht' class=\"grunion-field-label text\" >Au sujet de ce yacht : <\/label>\n<input\n\t\t\t\t\ttype='text'\n\t\t\t\t\tname='g114569-ausujetdeceyacht'\n\t\t\t\t\tid='g114569-ausujetdeceyacht'\n\t\t\t\t\tvalue=''\n\n\t\t\t\t\tdata-wp-bind--aria-invalid='state.fieldAriaInvalid'\n\t\t\t\t\tdata-wp-bind--value='state.getFieldValue'\n\t\t\t\t\taria-describedby='g114569-ausujetdeceyacht-text-error-message'\n\t\t\t\t\tdata-wp-on--input='actions.onFieldChange'\n\t\t\t\t\tdata-wp-on--blur='actions.onFieldBlur'\n\t\t\t\t\tdata-wp-class--has-value='state.hasFieldValue'\n\n\t\t\t\t\tclass='text  grunion-field' \n\t\t\t\t\t \/>\n \n\t\t\t<div id=\"g114569-ausujetdeceyacht-text-error\" class=\"contact-form__input-error\" data-wp-class--has-errors=\"state.fieldHasErrors\">\n\t\t\t\t<span class=\"contact-form__warning-icon\" aria-hidden=\"true\">\n\t\t\t\t\t<svg width=\"16\" height=\"16\" viewBox=\"0 0 16 16\" fill=\"none\" xmlns=\"http:\/\/www.w3.org\/2000\/svg\">\n\t\t\t\t\t\t<path d=\"M8.50015 11.6402H7.50015V10.6402H8.50015V11.6402Z\" \/>\n\t\t\t\t\t\t<path d=\"M7.50015 9.64018H8.50015V6.30684H7.50015V9.64018Z\" \/>\n\t\t\t\t\t\t<path fill-rule=\"evenodd\" clip-rule=\"evenodd\" d=\"M6.98331 3.0947C7.42933 2.30177 8.57096 2.30177 9.01698 3.09469L13.8771 11.7349C14.3145 12.5126 13.7525 13.4735 12.8602 13.4735H3.14004C2.24774 13.4735 1.68575 12.5126 2.12321 11.7349L6.98331 3.0947ZM8.14541 3.58496C8.08169 3.47168 7.9186 3.47168 7.85488 3.58496L2.99478 12.2251C2.93229 12.3362 3.01257 12.4735 3.14004 12.4735H12.8602C12.9877 12.4735 13.068 12.3362 13.0055 12.2251L8.14541 3.58496Z\" \/>\n\t\t\t\t\t<\/svg>\n\t\t\t\t<\/span>\n\t\t\t\t<span data-wp-text=\"state.errorMessage\" id=\"g114569-ausujetdeceyacht-text-error-message\"><\/span>\n\t\t\t<\/div> \n\t<\/div>\n\n<div style=\"\"  data-wp-interactive=\"jetpack\/form\" data-wp-context='{\"fieldId\":\"g114569-message\",\"fieldType\":\"textarea\",\"fieldLabel\":\"Message\",\"fieldValue\":\"\",\"fieldPlaceholder\":\"\",\"fieldIsRequired\":\"\",\"fieldErrorMessage\":\"\",\"fieldExtra\":[],\"formHash\":\"6505ee02c99f8f56d17f7a40286c71c26a7e7742\"}'  class='grunion-field-textarea-wrap grunion-field-wrap'  data-wp-init='callbacks.initializeField' data-wp-on--jetpack-form-reset='callbacks.initializeField' >\n<label\n\t\t\t\tfor='contact-form-comment-g114569-message' class=\"grunion-field-label textarea\" >Message<\/label>\n<textarea\n\t\t                style=''\n\t\t                name='g114569-message'\n\t\t                id='contact-form-comment-g114569-message'\n\t\t                rows='20'\n\t\t\t\t\t\tdata-wp-text='state.getFieldValue'\n\t\t\t\t\t\tdata-wp-on--input='actions.onFieldChange'\n\t\t\t\t\t\tdata-wp-on--blur='actions.onFieldBlur'\n\t\t\t\t\t\tdata-wp-class--has-value='state.hasFieldValue'\n\t\t\t\t\t\taria-describedby='g114569-message-textarea-error-message'\n\t\t\t\t\t\tdata-wp-bind--aria-invalid='state.fieldAriaInvalid'\n\t\t\t\t\t\tclass='textarea  grunion-field'  ><\/textarea>\n \n\t\t\t<div id=\"g114569-message-textarea-error\" class=\"contact-form__input-error\" data-wp-class--has-errors=\"state.fieldHasErrors\">\n\t\t\t\t<span class=\"contact-form__warning-icon\" aria-hidden=\"true\">\n\t\t\t\t\t<svg width=\"16\" height=\"16\" viewBox=\"0 0 16 16\" fill=\"none\" xmlns=\"http:\/\/www.w3.org\/2000\/svg\">\n\t\t\t\t\t\t<path d=\"M8.50015 11.6402H7.50015V10.6402H8.50015V11.6402Z\" \/>\n\t\t\t\t\t\t<path d=\"M7.50015 9.64018H8.50015V6.30684H7.50015V9.64018Z\" \/>\n\t\t\t\t\t\t<path fill-rule=\"evenodd\" clip-rule=\"evenodd\" d=\"M6.98331 3.0947C7.42933 2.30177 8.57096 2.30177 9.01698 3.09469L13.8771 11.7349C14.3145 12.5126 13.7525 13.4735 12.8602 13.4735H3.14004C2.24774 13.4735 1.68575 12.5126 2.12321 11.7349L6.98331 3.0947ZM8.14541 3.58496C8.08169 3.47168 7.9186 3.47168 7.85488 3.58496L2.99478 12.2251C2.93229 12.3362 3.01257 12.4735 3.14004 12.4735H12.8602C12.9877 12.4735 13.068 12.3362 13.0055 12.2251L8.14541 3.58496Z\" \/>\n\t\t\t\t\t<\/svg>\n\t\t\t\t<\/span>\n\t\t\t\t<span data-wp-text=\"state.errorMessage\" id=\"g114569-message-textarea-error-message\"><\/span>\n\t\t\t<\/div>\n\t<\/div>\n\t<p class='contact-submit'>\n<div class=\"contact-form__error\" data-wp-class--show-errors=\"state.showFormErrors\"><span class=\"contact-form__warning-icon\" aria-hidden=\"true\"><i><\/i><\/span><span class=\"contact-form__error-message\" tabindex=\"-1\" data-wp-watch=\"callbacks.focusOnValidationError\" data-wp-text=\"state.getFormErrorMessage\"><\/span><ul aria-label=\"Erreurs de formulaire\">\n\t\t\t\t<template data-wp-each=\"state.getErrorList\" data-wp-key=\"context.item.id\">\n\t\t\t\t\t<li><a data-wp-bind--href=\"context.item.anchor\" data-wp-on--click=\"actions.scrollIntoView\" data-wp-text=\"context.item.label\"><\/a><\/li>\n\t\t\t\t<\/template>\n\t\t\t\t<\/ul><\/div><div class=\"contact-form__error\" data-wp-class--show-errors=\"state.showSubmissionError\" data-wp-text=\"context.submissionError\" tabindex=\"-1\" data-wp-watch=\"callbacks.focusOnSubmissionError\"><\/div>\t\t<button type='submit' class='pushbutton-wide'>Envoyer<\/button>\t\t<input type='hidden' name='contact-form-id' value='114569' \/>\n\t\t<input type='hidden' name='action' value='grunion-contact-form' \/>\n\t\t<input type='hidden' name='contact-form-hash' value='6505ee02c99f8f56d17f7a40286c71c26a7e7742' \/>\n\t<\/p>\n<p style=\"display: none !important;\" class=\"akismet-fields-container\" data-prefix=\"ak_\"><label>&#916;<textarea name=\"ak_hp_textarea\" cols=\"45\" rows=\"8\" maxlength=\"100\"><\/textarea><\/label><input type=\"hidden\" id=\"ak_js_1\" name=\"ak_js\" value=\"233\"\/><script type=\"text\/javascript\">\n\/* <![CDATA[ *\/\ndocument.getElementById( \"ak_js_1\" ).setAttribute( \"value\", ( new Date() ).getTime() );\n\/* ]]> *\/\n<\/script>\n<\/p><\/form>\n<\/div>\n<p>&nbsp;<\/p>\n<p>&nbsp;<\/p>\n<p>&nbsp;<\/p>\n<p>&nbsp;<\/p>\n","protected":false},"excerpt":{"rendered":"<p>VENDU &nbsp; Ferretti 780 Flybridge 2019 $3,795,000 usd \u00e0 vendre L&rsquo;harmonie des volumes int\u00e9rieurs et ext\u00e9rieurs cr\u00e9e une ambiance parfaite pour tous les types de croisi\u00e8re. Le confort, la s\u00e9r\u00e9nit\u00e9 et la s\u00e9curit\u00e9 en mer sont les caract\u00e9ristiques d&rsquo;un nouveau concept de navire au design a\u00e9rodynamique agr\u00e9able. V\u00e9ritable leader en mati\u00e8re de style, c&rsquo;est un &hellip; <a href=\"https:\/\/itayachtscanada.com\/fr\/listing\/ferretti-780-flybridge-2019-4249000-usd-for-sale\/\" class=\"more-link\">Lire la suite <span class=\"screen-reader-text\">Ferretti 780 Flybridge 2019 $3,795,000 usd \u00e0 vendre<\/span> <span class=\"meta-nav\">&rarr;<\/span><\/a><\/p>\n","protected":false},"author":119081455,"featured_media":114579,"parent":0,"menu_order":0,"comment_status":"open","ping_status":"open","template":"","format":"standard","meta":{"_coblocks_attr":"","_coblocks_dimensions":"","_coblocks_responsive_height":"","_coblocks_accordion_ie_support":"","_lmt_disableupdate":"no","_lmt_disable":"no","advanced_seo_description":"","jetpack_seo_html_title":"","jetpack_seo_noindex":false,"footnotes":""},"manufacturer":[6434],"prix":[6492],"years":[6380],"length_feet":[6589],"boat_type":[6464],"price_range":[6581],"localisations":[6867],"numyacht":[8664,10081,10198,10080],"datevente":[9921,10079,10369,10491,10611,10734,11053,11196,11299],"country":[10755],"states":[],"city":[],"fresh-water-boat":[10809],"broker":[],"migration":[10888],"class_list":["post-114569","listing","type-listing","status-publish","format-standard","has-post-thumbnail","hentry","manufacturer-ferretti","prix-6492","years-6380","length_feet-between-70-and-79-feets","boat_type-flybridge","price_range-3000000-4999999","localisations-united-states-of-america","numyacht-8664","numyacht-10081","numyacht-10198","numyacht-yatco","datevente-2024-11-17","datevente-2025-01-15","datevente-2025-05-11","datevente-2025-07-04","datevente-2025-08-30","datevente-2025-10-26","datevente-2025-12-23","datevente-2026-02-22","datevente-2026-04-18","country-united-states","fresh-water-boat-non","migration-non"],"translation":{"provider":"WPGlobus","version":"2.12.2","language":"fr","enabled_languages":["en","fr"],"languages":{"en":{"title":true,"content":true,"excerpt":false},"fr":{"title":true,"content":true,"excerpt":false}}},"jetpack_likes_enabled":true,"jetpack_sharing_enabled":true,"_links":{"self":[{"href":"https:\/\/itayachtscanada.com\/fr\/wp-json\/wp\/v2\/listing\/114569","targetHints":{"allow":["GET"]}}],"collection":[{"href":"https:\/\/itayachtscanada.com\/fr\/wp-json\/wp\/v2\/listing"}],"about":[{"href":"https:\/\/itayachtscanada.com\/fr\/wp-json\/wp\/v2\/types\/listing"}],"author":[{"embeddable":true,"href":"https:\/\/itayachtscanada.com\/fr\/wp-json\/wp\/v2\/users\/119081455"}],"replies":[{"embeddable":true,"href":"https:\/\/itayachtscanada.com\/fr\/wp-json\/wp\/v2\/comments?post=114569"}],"version-history":[{"count":36,"href":"https:\/\/itayachtscanada.com\/fr\/wp-json\/wp\/v2\/listing\/114569\/revisions"}],"predecessor-version":[{"id":299752,"href":"https:\/\/itayachtscanada.com\/fr\/wp-json\/wp\/v2\/listing\/114569\/revisions\/299752"}],"wp:featuredmedia":[{"embeddable":true,"href":"https:\/\/itayachtscanada.com\/fr\/wp-json\/wp\/v2\/media\/114579"}],"wp:attachment":[{"href":"https:\/\/itayachtscanada.com\/fr\/wp-json\/wp\/v2\/media?parent=114569"}],"wp:term":[{"taxonomy":"manufacturer","embeddable":true,"href":"https:\/\/itayachtscanada.com\/fr\/wp-json\/wp\/v2\/manufacturer?post=114569"},{"taxonomy":"prix","embeddable":true,"href":"https:\/\/itayachtscanada.com\/fr\/wp-json\/wp\/v2\/prix?post=114569"},{"taxonomy":"years","embeddable":true,"href":"https:\/\/itayachtscanada.com\/fr\/wp-json\/wp\/v2\/years?post=114569"},{"taxonomy":"length_feet","embeddable":true,"href":"https:\/\/itayachtscanada.com\/fr\/wp-json\/wp\/v2\/length_feet?post=114569"},{"taxonomy":"boat_type","embeddable":true,"href":"https:\/\/itayachtscanada.com\/fr\/wp-json\/wp\/v2\/boat_type?post=114569"},{"taxonomy":"price_range","embeddable":true,"href":"https:\/\/itayachtscanada.com\/fr\/wp-json\/wp\/v2\/price_range?post=114569"},{"taxonomy":"localisations","embeddable":true,"href":"https:\/\/itayachtscanada.com\/fr\/wp-json\/wp\/v2\/localisations?post=114569"},{"taxonomy":"numyacht","embeddable":true,"href":"https:\/\/itayachtscanada.com\/fr\/wp-json\/wp\/v2\/numyacht?post=114569"},{"taxonomy":"datevente","embeddable":true,"href":"https:\/\/itayachtscanada.com\/fr\/wp-json\/wp\/v2\/datevente?post=114569"},{"taxonomy":"country","embeddable":true,"href":"https:\/\/itayachtscanada.com\/fr\/wp-json\/wp\/v2\/country?post=114569"},{"taxonomy":"states","embeddable":true,"href":"https:\/\/itayachtscanada.com\/fr\/wp-json\/wp\/v2\/states?post=114569"},{"taxonomy":"city","embeddable":true,"href":"https:\/\/itayachtscanada.com\/fr\/wp-json\/wp\/v2\/city?post=114569"},{"taxonomy":"fresh-water-boat","embeddable":true,"href":"https:\/\/itayachtscanada.com\/fr\/wp-json\/wp\/v2\/fresh-water-boat?post=114569"},{"taxonomy":"broker","embeddable":true,"href":"https:\/\/itayachtscanada.com\/fr\/wp-json\/wp\/v2\/broker?post=114569"},{"taxonomy":"migration","embeddable":true,"href":"https:\/\/itayachtscanada.com\/fr\/wp-json\/wp\/v2\/migration?post=114569"}],"curies":[{"name":"wp","href":"https:\/\/api.w.org\/{rel}","templated":true}]}}